{"id":20653,"date":"2019-05-27T11:23:09","date_gmt":"2019-05-27T11:23:09","guid":{"rendered":"https:\/\/www.garciafaura.com\/qualite\/"},"modified":"2022-05-02T11:01:25","modified_gmt":"2022-05-02T09:01:25","slug":"qualite","status":"publish","type":"page","link":"https:\/\/www.garciafaura.com\/fr\/qualite\/","title":{"rendered":"Qualit\u00e9"},"content":{"rendered":"<div class=\"wpb-content-wrapper\">[vc_row full_width=\u00a0\u00bbstretch_row\u00a0\u00bb typography_style=\u00a0\u00bbwhite\u00a0\u00bb][vc_column width=\u00a0\u00bb3\/4&Prime;]<div class=\"vcex-spacing\" style=\"height:30px\"><\/div>[vc_column_text]<span style=\"font-family: 'Open Sans'; font-size: 18px;\"><strong>GARCIA FAURA<\/strong> a \u00e9t\u00e9 l&rsquo;une des premi\u00e8res entreprises de son secteur \u00e0 disposer du sceau ISO 9001, une norme internationale qui assure le maintien d&rsquo;une gestion de la qualit\u00e9 int\u00e9grale. Non seulement dans la phase de production, mais \u00e9galement dans l&rsquo;ensemble de ses processus de gestion. <\/span><\/p>\n<p><span style=\"font-family: 'Open Sans'; font-size: 18px;\">Le Manuel de Gestion de la Qualit\u00e9 de <strong>GARCIA FAURA<\/strong> inclut \u00e9galement un Contr\u00f4le de Production en Usine qui reprend tous les points de v\u00e9rification interne qui sont \u00e9tablis pour garantir une fabrication correcte de tous les produits et mat\u00e9riaux de l&rsquo;entreprise. \u00c0 cela s&rsquo;ajoute un Contr\u00f4le de Montage qui certifie l&rsquo;ex\u00e9cution correcte des travaux.<\/span><\/p>\n<p><span style=\"font-family: 'Open Sans'; font-size: 18px;\">Et ce n&rsquo;est pas tout ; nos principaux fournisseurs poss\u00e8dent \u00e9galement les certifications internationales les plus prestigieuses dans leurs domaines respectifs. Une double garantie de qualit\u00e9 reposant sur des standards internationaux<\/span><\/p>\n<p><span style=\"font-family: 'Open Sans'; font-size: 18px;\">La qualit\u00e9, la solidit\u00e9 financi\u00e8re et la professionnalit\u00e9 de notre marque sont valid\u00e9es par l&rsquo;opinion de nos clients. La satisfaction des utilisateurs finaux des b\u00e2timents que <\/span><span style=\"font-family: 'Open Sans'; font-size: 18px;\">nous construisons est aussi importante que celle des contrema\u00eetres charg\u00e9s de tout le processus de construction auquel nous participons.<\/span><\/p>\n<p><span style=\"font-family: 'Open Sans'; font-size: 18px;\">Nous attachons une importance particuli\u00e8re \u00e0 l&rsquo;opinion de ces derniers, car elle repr\u00e9sente la garantie de pouvoir faire confiance \u00e0 une entreprise qui non seulement remplit bien sa t\u00e2che et dans les d\u00e9lais, mais qui offre \u00e9galement tous les \u00e9l\u00e9ments de satisfaction n\u00e9cessaires pour qu&rsquo;un projet soit ex\u00e9cut\u00e9 correctement.<\/span>[\/vc_column_text][\/vc_column][vc_column width=\u00a0\u00bb1\/4&Prime;][vc_single_image image=\u00a0\u00bb17044&Prime; img_size=\u00a0\u00bbmedium\u00a0\u00bb alignment=\u00a0\u00bbleft\u00a0\u00bb]<div class=\"vcex-spacing\" style=\"height:30px\"><\/div>[vc_single_image image=\u00a0\u00bb17048&Prime; img_size=\u00a0\u00bbmedium\u00a0\u00bb alignment=\u00a0\u00bbleft\u00a0\u00bb]<div class=\"vcex-spacing\" style=\"height:30px\"><\/div>[vc_single_image image=\u00a0\u00bb17056&Prime; img_size=\u00a0\u00bbmedium\u00a0\u00bb alignment=\u00a0\u00bbleft\u00a0\u00bb][\/vc_column][\/vc_row][vc_row full_width=\u00a0\u00bbstretch_row\u00a0\u00bb typography_style=\u00a0\u00bbwhite\u00a0\u00bb][vc_column][vc_row_inner][vc_column_inner]<h2 class=\"vcex-module vcex-heading vcex-heading-bottom-border-w-color\" style=\"color:#ffffff;border-bottom-color:#d6d6d6;\"><span class=\"vcex-heading-inner clr\" style=\"border-color:#d7515e;\">R\u00e9sultats de l'enqu\u00eate de satisfaction r\u00e9alis\u00e9e aupr\u00e8s des chefs de groupe et des contrema\u00eetres<br \/>\ndes constructeurs pour lesquels nous travaillons :<\/span><\/h2>[\/vc_column_inner][\/vc_row_inner][vc_row_inner][vc_column_inner width=\u00a0\u00bb1\/3&Prime;]<div class=\"vcex-spacing\" style=\"height:30px\"><\/div>[vc_line_chart type=\u00a0\u00bbline\u00a0\u00bb style=\u00a0\u00bbmodern\u00a0\u00bb x_values=\u00a0\u00bb2013; 2014; 2015; 2016; 2017; 2018; 2019; 2020; 2021&Prime; values=\u00a0\u00bb%5B%7B%22title%22%3A%22%C3%89valuation%20de%20l&rsquo;attention%20commerciale%20et%20technique%22%2C%22y_values%22%3A%2270%3B%2075%3B%2085%3B%2078%3B%2080%3B%2081%3B%2085%3B%2083%3B%2085%22%2C%22color%22%3A%22turquoise%22%7D%5D\u00a0\u00bb animation=\u00a0\u00bbeaseOutBack\u00a0\u00bb][\/vc_column_inner][vc_column_inner width=\u00a0\u00bb1\/3&Prime;]<div class=\"vcex-spacing\" style=\"height:30px\"><\/div>[vc_line_chart type=\u00a0\u00bbline\u00a0\u00bb style=\u00a0\u00bbmodern\u00a0\u00bb x_values=\u00a0\u00bb2013; 2014; 2015; 2016; 2017; 2018; 2019; 2020; 2021&Prime; values=\u00a0\u00bb%5B%7B%22title%22%3A%22Capacit%C3%A9%20des%20Project%20Managers%22%2C%22y_values%22%3A%2267%3B%2075%3B%2091%3B%2091%3B%2095%3B%2093%3B%2094%3B%2095%3B%2095%22%2C%22color%22%3A%22pink%22%7D%5D\u00a0\u00bb animation=\u00a0\u00bbeaseOutElastic\u00a0\u00bb][\/vc_column_inner][vc_column_inner width=\u00a0\u00bb1\/3&Prime;]<div class=\"vcex-spacing\" style=\"height:30px\"><\/div>[vc_line_chart type=\u00a0\u00bbline\u00a0\u00bb x_values=\u00a0\u00bb2013; 2014; 2015; 2016; 2017; 2018; 2019; 2020; 2021&Prime; values=\u00a0\u00bb%5B%7B%22title%22%3A%22%C3%89valuation%20globale%20du%20service%20GARCIA%20FAURA%22%2C%22y_values%22%3A%2272%3B%2078%3B%2085%3B%2080%3B%2092%3B%2088%3B%2092%3B%2092%3B%2088%3B%2091%22%2C%22color%22%3A%22violet%22%7D%5D\u00a0\u00bb animation=\u00a0\u00bbeaseOutBack\u00a0\u00bb][\/vc_column_inner][\/vc_row_inner][\/vc_column][vc_column][vc_row_inner][vc_column_inner]<h2 class=\"vcex-module vcex-heading vcex-heading-bottom-border-w-color\" style=\"color:#ffffff;border-bottom-color:#d6d6d6;\"><span class=\"vcex-heading-inner clr\" style=\"border-color:#d7515e;\">R\u00e9sultat de l'enqu\u00eate de satisfaction sur le Service Apr\u00e8s-vente de l'entreprise<br \/>\nconcernant des projets achev\u00e9s :<\/span><\/h2>[\/vc_column_inner][\/vc_row_inner][vc_row_inner][vc_column_inner width=\u00a0\u00bb1\/3&Prime;][vc_line_chart type=\u00a0\u00bbline\u00a0\u00bb style=\u00a0\u00bbmodern\u00a0\u00bb x_values=\u00a0\u00bb2013; 2014; 2015; 2016; 2017; 2018; 2019; 2020; 2021&Prime; values=\u00a0\u00bb%5B%7B%22title%22%3A%22%C3%89valuation%20de%20l&rsquo;attention%20commerciale%22%2C%22y_values%22%3A%2279%3B%2082%3B%2087%3B%2085%3B%2085%3B%2086%3B%2086%3B%2084%3B%2086%22%2C%22color%22%3A%22vista-blue%22%7D%5D\u00a0\u00bb animation=\u00a0\u00bbeaseOutElastic\u00a0\u00bb][\/vc_column_inner][vc_column_inner width=\u00a0\u00bb1\/3&Prime;][vc_line_chart type=\u00a0\u00bbline\u00a0\u00bb style=\u00a0\u00bbmodern\u00a0\u00bb x_values=\u00a0\u00bb2013; 2014; 2015; 2016; 2017; 2018; 2019; 2020; 2021&Prime; values=\u00a0\u00bb%5B%7B%22title%22%3A%22Capacit%C3%A9%20des%20responsables%20Apr%C3%A8s-vente%22%2C%22y_values%22%3A%2269%3B%2080%3B%2085%3B%2080%3B%2080%3B%2081%3B%2085%3B%2084%3B%2085%22%2C%22color%22%3A%22sky%22%7D%5D\u00a0\u00bb animation=\u00a0\u00bbeaseOutElastic\u00a0\u00bb][\/vc_column_inner][vc_column_inner width=\u00a0\u00bb1\/3&Prime;][vc_line_chart type=\u00a0\u00bbline\u00a0\u00bb style=\u00a0\u00bbmodern\u00a0\u00bb x_values=\u00a0\u00bb2013; 2014; 2015; 2016; 2017; 2018; 2019; 2020; 2021&Prime; values=\u00a0\u00bb%5B%7B%22title%22%3A%22%C3%89valuation%20globale%20du%20service%20apr%C3%A8s-vente%20GARCIA%20FAURA%22%2C%22y_values%22%3A%2269%3B%2075%3B%2083%3B%2075%3B%2080%3B%2082%3B%2083%3B%2080%3B%2083%22%2C%22color%22%3A%22juicy-pink%22%7D%5D\u00a0\u00bb animation=\u00a0\u00bbeaseOutElastic\u00a0\u00bb][\/vc_column_inner][\/vc_row_inner][\/vc_column][\/vc_row][vc_row full_width=\u00a0\u00bbstretch_row\u00a0\u00bb typography_style=\u00a0\u00bbwhite\u00a0\u00bb][vc_column][vc_column_text]<span style=\"font-family: 'Open Sans'; font-size: 18px;\">La qualit\u00e9, la solidit\u00e9 financi\u00e8re et la professionnalit\u00e9 de notre marque sont valid\u00e9es par l&rsquo;opinion de nos clients. <strong>La satisfaction des utilisateurs finaux des b\u00e2timents que <\/strong><\/span><strong><span style=\"font-family: 'Open Sans'; font-size: 18px;\">nous construisons est aussi importante que celle des contrema\u00eetres charg\u00e9s de tout le processus de construction auquel nous participons.<\/span><\/strong><\/p>\n<p><span style=\"font-family: 'Open Sans'; font-size: 18px;\">Nous attachons une importance particuli\u00e8re \u00e0 l&rsquo;opinion de ces derniers, car elle repr\u00e9sente <strong>la garantie de pouvoir faire confiance \u00e0 une entreprise qui non seulement remplit bien sa t\u00e2che et dans les d\u00e9lais, mais qui offre \u00e9galement tous les \u00e9l\u00e9ments de satisfaction n\u00e9cessaires pour qu&rsquo;un projet soit ex\u00e9cut\u00e9 correctement.<\/strong><\/span>[\/vc_column_text][\/vc_column][\/vc_row][vc_row][vc_column][vc_separator color=\u00a0\u00bbcustom\u00a0\u00bb accent_color=\u00a0\u00bb#dd3333&Prime;][\/vc_column][\/vc_row][vc_row][vc_column width=\u00a0\u00bb1\/4&Prime;][vc_single_image image=\u00a0\u00bb15397&Prime; css_animation=\u00a0\u00bbbounceIn\u00a0\u00bb onclick=\u00a0\u00bbcustom_link\u00a0\u00bb img_link_target=\u00a0\u00bb_blank\u00a0\u00bb link=\u00a0\u00bbhttps:\/\/www.qualicoat.net\/main\/home.html\u00a0\u00bb][\/vc_column][vc_column width=\u00a0\u00bb1\/4&Prime;][vc_single_image image=\u00a0\u00bb15401&Prime; css_animation=\u00a0\u00bbbounceIn\u00a0\u00bb onclick=\u00a0\u00bbcustom_link\u00a0\u00bb img_link_target=\u00a0\u00bb_blank\u00a0\u00bb link=\u00a0\u00bbhttps:\/\/www.qualanod.net\/\u00a0\u00bb][\/vc_column][vc_column width=\u00a0\u00bb1\/4&Prime;][vc_single_image image=\u00a0\u00bb15411&Prime; css_animation=\u00a0\u00bbbounceIn\u00a0\u00bb onclick=\u00a0\u00bbcustom_link\u00a0\u00bb img_link_target=\u00a0\u00bb_blank\u00a0\u00bb link=\u00a0\u00bbhttp:\/\/www.cekal.com\/\u00a0\u00bb][\/vc_column][vc_column width=\u00a0\u00bb1\/4&Prime;][vc_single_image image=\u00a0\u00bb15416&Prime; css_animation=\u00a0\u00bbbounceIn\u00a0\u00bb onclick=\u00a0\u00bbcustom_link\u00a0\u00bb img_link_target=\u00a0\u00bb_blank\u00a0\u00bb link=\u00a0\u00bbhttps:\/\/consumer.dow.com\/en-us\/category\/industry\/ind-building-construction\/quality-bond.html?\u00a0\u00bb][\/vc_column][\/vc_row][vc_row][vc_column][vc_column_text]<span style=\"font-family: 'Open Sans'; font-size: 18px;\"><strong>GARCIA FAURA<\/strong> est inscrite au Registre Officiel des Entreprises Class\u00e9es sous la rubrique des Entrepreneurs de Travaux, ceci lui permettant de r\u00e9aliser des travaux pour n&rsquo;importe quelle administration publique. Nos principaux fournisseurs disposent de certificats garantissant la qualit\u00e9 de la mati\u00e8re premi\u00e8re avec laquelle nous d\u00e9veloppons nos produits.<\/span>[\/vc_column_text][\/vc_column][\/vc_row][vc_row][vc_column width=\u00a0\u00bb1\/4&Prime;][\/vc_column][vc_column width=\u00a0\u00bb1\/2&Prime;]<div class=\"textcenter theme-button-expanded-wrap theme-button-wrap clr\"><a href=\"https:\/\/www.garciafaura.com\/wp-content\/uploads\/2019\/06\/Politique-de-Qualite\u0301-GF_FR.pdf\" class=\"vcex-button theme-button large align-center expanded hvr hvr-grow-shadow expanded\" style=\"background:#d7515e;\"><span class=\"theme-button-inner\">Politique de qualit\u00e9<\/span><\/a><\/div> [\/vc_column][vc_column width=\u00a0\u00bb1\/4&Prime;][\/vc_column][\/vc_row]\n<\/div>","protected":false},"excerpt":{"rendered":"<p>[vc_row full_width=\u00a0\u00bbstretch_row\u00a0\u00bb typography_style=\u00a0\u00bbwhite\u00a0\u00bb][vc_column width=\u00a0\u00bb3\/4&Prime;][vc_column_text]GARCIA FAURA a \u00e9t\u00e9 l&rsquo;une des premi\u00e8res entreprises de son secteur \u00e0 disposer du sceau ISO 9001, une norme internationale qui assure le maintien d&rsquo;une gestion de la qualit\u00e9 int\u00e9grale. Non seulement dans la phase de production,&hellip;<\/p>\n","protected":false},"author":3,"featured_media":0,"parent":0,"menu_order":0,"comment_status":"closed","ping_status":"closed","template":"","meta":{"footnotes":""},"class_list":["post-20653","page","type-page","status-publish","hentry","entry","no-media"],"yoast_head":"<!-- This site is optimized with the Yoast SEO plugin v26.7 - https:\/\/yoast.com\/wordpress\/plugins\/seo\/ -->\n<title>Qualit\u00e9 - GARCIA FAURA<\/title>\n<meta name=\"description\" content=\"Arquitectura en Alumini, Inox, Ferro i Vidre\" \/>\n<meta name=\"robots\" content=\"index, follow, max-snippet:-1, max-image-preview:large, max-video-preview:-1\" \/>\n<link rel=\"canonical\" href=\"https:\/\/www.garciafaura.com\/fr\/qualite\/\" \/>\n<meta property=\"og:locale\" content=\"fr_FR\" \/>\n<meta property=\"og:type\" content=\"article\" \/>\n<meta property=\"og:title\" content=\"Qualit\u00e9 - GARCIA FAURA\" \/>\n<meta property=\"og:description\" content=\"Arquitectura en Alumini, Inox, Ferro i Vidre\" \/>\n<meta property=\"og:url\" content=\"https:\/\/www.garciafaura.com\/fr\/qualite\/\" \/>\n<meta property=\"og:site_name\" content=\"GARCIA FAURA\" \/>\n<meta property=\"article:modified_time\" content=\"2022-05-02T09:01:25+00:00\" \/>\n<meta name=\"twitter:card\" content=\"summary_large_image\" \/>\n<meta name=\"twitter:label1\" content=\"Dur\u00e9e de lecture estim\u00e9e\" \/>\n\t<meta name=\"twitter:data1\" content=\"4 minutes\" \/>\n<script type=\"application\/ld+json\" class=\"yoast-schema-graph\">{\"@context\":\"https:\/\/schema.org\",\"@graph\":[{\"@type\":\"WebPage\",\"@id\":\"https:\/\/www.garciafaura.com\/fr\/qualite\/\",\"url\":\"https:\/\/www.garciafaura.com\/fr\/qualite\/\",\"name\":\"Qualit\u00e9 - GARCIA FAURA\",\"isPartOf\":{\"@id\":\"https:\/\/www.garciafaura.com\/fr\/#website\"},\"datePublished\":\"2019-05-27T11:23:09+00:00\",\"dateModified\":\"2022-05-02T09:01:25+00:00\",\"description\":\"Arquitectura en Alumini, Inox, Ferro i Vidre\",\"breadcrumb\":{\"@id\":\"https:\/\/www.garciafaura.com\/fr\/qualite\/#breadcrumb\"},\"inLanguage\":\"fr-FR\",\"potentialAction\":[{\"@type\":\"ReadAction\",\"target\":[\"https:\/\/www.garciafaura.com\/fr\/qualite\/\"]}]},{\"@type\":\"BreadcrumbList\",\"@id\":\"https:\/\/www.garciafaura.com\/fr\/qualite\/#breadcrumb\",\"itemListElement\":[{\"@type\":\"ListItem\",\"position\":1,\"name\":\"Inici\",\"item\":\"https:\/\/www.garciafaura.com\/fr\/\"},{\"@type\":\"ListItem\",\"position\":2,\"name\":\"Qualit\u00e9\"}]},{\"@type\":\"WebSite\",\"@id\":\"https:\/\/www.garciafaura.com\/fr\/#website\",\"url\":\"https:\/\/www.garciafaura.com\/fr\/\",\"name\":\"GARCIA FAURA\",\"description\":\"Arquitectura en Alumini, Inox, Ferro i Vidre\",\"publisher\":{\"@id\":\"https:\/\/www.garciafaura.com\/fr\/#organization\"},\"potentialAction\":[{\"@type\":\"SearchAction\",\"target\":{\"@type\":\"EntryPoint\",\"urlTemplate\":\"https:\/\/www.garciafaura.com\/fr\/?s={search_term_string}\"},\"query-input\":{\"@type\":\"PropertyValueSpecification\",\"valueRequired\":true,\"valueName\":\"search_term_string\"}}],\"inLanguage\":\"fr-FR\"},{\"@type\":\"Organization\",\"@id\":\"https:\/\/www.garciafaura.com\/fr\/#organization\",\"name\":\"GARCIA FAURA\",\"url\":\"https:\/\/www.garciafaura.com\/fr\/\",\"logo\":{\"@type\":\"ImageObject\",\"inLanguage\":\"fr-FR\",\"@id\":\"https:\/\/www.garciafaura.com\/fr\/#\/schema\/logo\/image\/\",\"url\":\"https:\/\/www.garciafaura.com\/wp-content\/uploads\/2018\/09\/Garcia-Faura.png\",\"contentUrl\":\"https:\/\/www.garciafaura.com\/wp-content\/uploads\/2018\/09\/Garcia-Faura.png\",\"width\":512,\"height\":512,\"caption\":\"GARCIA FAURA\"},\"image\":{\"@id\":\"https:\/\/www.garciafaura.com\/fr\/#\/schema\/logo\/image\/\"},\"sameAs\":[\"https:\/\/www.youtube.com\/user\/GARCIAFAURA\"]}]}<\/script>\n<!-- \/ Yoast SEO plugin. -->","yoast_head_json":{"title":"Qualit\u00e9 - GARCIA FAURA","description":"Arquitectura en Alumini, Inox, Ferro i Vidre","robots":{"index":"index","follow":"follow","max-snippet":"max-snippet:-1","max-image-preview":"max-image-preview:large","max-video-preview":"max-video-preview:-1"},"canonical":"https:\/\/www.garciafaura.com\/fr\/qualite\/","og_locale":"fr_FR","og_type":"article","og_title":"Qualit\u00e9 - GARCIA FAURA","og_description":"Arquitectura en Alumini, Inox, Ferro i Vidre","og_url":"https:\/\/www.garciafaura.com\/fr\/qualite\/","og_site_name":"GARCIA FAURA","article_modified_time":"2022-05-02T09:01:25+00:00","twitter_card":"summary_large_image","twitter_misc":{"Dur\u00e9e de lecture estim\u00e9e":"4 minutes"},"schema":{"@context":"https:\/\/schema.org","@graph":[{"@type":"WebPage","@id":"https:\/\/www.garciafaura.com\/fr\/qualite\/","url":"https:\/\/www.garciafaura.com\/fr\/qualite\/","name":"Qualit\u00e9 - GARCIA FAURA","isPartOf":{"@id":"https:\/\/www.garciafaura.com\/fr\/#website"},"datePublished":"2019-05-27T11:23:09+00:00","dateModified":"2022-05-02T09:01:25+00:00","description":"Arquitectura en Alumini, Inox, Ferro i Vidre","breadcrumb":{"@id":"https:\/\/www.garciafaura.com\/fr\/qualite\/#breadcrumb"},"inLanguage":"fr-FR","potentialAction":[{"@type":"ReadAction","target":["https:\/\/www.garciafaura.com\/fr\/qualite\/"]}]},{"@type":"BreadcrumbList","@id":"https:\/\/www.garciafaura.com\/fr\/qualite\/#breadcrumb","itemListElement":[{"@type":"ListItem","position":1,"name":"Inici","item":"https:\/\/www.garciafaura.com\/fr\/"},{"@type":"ListItem","position":2,"name":"Qualit\u00e9"}]},{"@type":"WebSite","@id":"https:\/\/www.garciafaura.com\/fr\/#website","url":"https:\/\/www.garciafaura.com\/fr\/","name":"GARCIA FAURA","description":"Arquitectura en Alumini, Inox, Ferro i Vidre","publisher":{"@id":"https:\/\/www.garciafaura.com\/fr\/#organization"},"potentialAction":[{"@type":"SearchAction","target":{"@type":"EntryPoint","urlTemplate":"https:\/\/www.garciafaura.com\/fr\/?s={search_term_string}"},"query-input":{"@type":"PropertyValueSpecification","valueRequired":true,"valueName":"search_term_string"}}],"inLanguage":"fr-FR"},{"@type":"Organization","@id":"https:\/\/www.garciafaura.com\/fr\/#organization","name":"GARCIA FAURA","url":"https:\/\/www.garciafaura.com\/fr\/","logo":{"@type":"ImageObject","inLanguage":"fr-FR","@id":"https:\/\/www.garciafaura.com\/fr\/#\/schema\/logo\/image\/","url":"https:\/\/www.garciafaura.com\/wp-content\/uploads\/2018\/09\/Garcia-Faura.png","contentUrl":"https:\/\/www.garciafaura.com\/wp-content\/uploads\/2018\/09\/Garcia-Faura.png","width":512,"height":512,"caption":"GARCIA FAURA"},"image":{"@id":"https:\/\/www.garciafaura.com\/fr\/#\/schema\/logo\/image\/"},"sameAs":["https:\/\/www.youtube.com\/user\/GARCIAFAURA"]}]}},"_links":{"self":[{"href":"https:\/\/www.garciafaura.com\/fr\/wp-json\/wp\/v2\/pages\/20653","targetHints":{"allow":["GET"]}}],"collection":[{"href":"https:\/\/www.garciafaura.com\/fr\/wp-json\/wp\/v2\/pages"}],"about":[{"href":"https:\/\/www.garciafaura.com\/fr\/wp-json\/wp\/v2\/types\/page"}],"author":[{"embeddable":true,"href":"https:\/\/www.garciafaura.com\/fr\/wp-json\/wp\/v2\/users\/3"}],"replies":[{"embeddable":true,"href":"https:\/\/www.garciafaura.com\/fr\/wp-json\/wp\/v2\/comments?post=20653"}],"version-history":[{"count":9,"href":"https:\/\/www.garciafaura.com\/fr\/wp-json\/wp\/v2\/pages\/20653\/revisions"}],"predecessor-version":[{"id":29349,"href":"https:\/\/www.garciafaura.com\/fr\/wp-json\/wp\/v2\/pages\/20653\/revisions\/29349"}],"wp:attachment":[{"href":"https:\/\/www.garciafaura.com\/fr\/wp-json\/wp\/v2\/media?parent=20653"}],"curies":[{"name":"wp","href":"https:\/\/api.w.org\/{rel}","templated":true}]}}