{"id":20647,"date":"2019-05-27T11:23:04","date_gmt":"2019-05-27T11:23:04","guid":{"rendered":"https:\/\/www.garciafaura.com\/responsabilite-sociale-corporative\/"},"modified":"2019-06-12T12:55:08","modified_gmt":"2019-06-12T12:55:08","slug":"responsabilite-sociale-corporative","status":"publish","type":"page","link":"https:\/\/www.garciafaura.com\/fr\/responsabilite-sociale-corporative\/","title":{"rendered":"Responsabilit\u00e9 Sociale Corporative"},"content":{"rendered":"<div class=\"wpb-content-wrapper\">[vc_row full_width=\u00a0\u00bbstretch_row\u00a0\u00bb typography_style=\u00a0\u00bbwhite\u00a0\u00bb][vc_column]<h2 class=\"vcex-module vcex-heading vcex-heading-bottom-border-w-color\" style=\"color:#ffffff;border-bottom-color:#d6d6d6;\"><span class=\"vcex-heading-inner clr\" style=\"border-color:#d7515e;\">PARI POUR L'\u00c9CONOMIE LOCALE<\/span><\/h2><div class=\"vcex-spacing\" style=\"height:30px\"><\/div>[vc_row_inner][vc_column_inner width=\u00a0\u00bb2\/3&Prime;][vc_column_text]<span style=\"font-family: 'Open Sans'; font-size: 18px;\"><strong>GARCIA FAURA<\/strong> croit au territoire et en leurs habitants. De ce fait, elle promeut des politiques de recrutement local en renfor\u00e7ant le tissu \u00e9conomique de proximit\u00e9 et le talent de l&rsquo;environnement. 70 % des travailleurs de l&rsquo;entreprise ont leur domicile dans un rayon de 10 km autour des installations. Le Service des Ressources Humaines coop\u00e8re avec les bourses de travail de la municipalit\u00e9 et la r\u00e9gion dans le but de favoriser le recrutement de proximit\u00e9.<\/span><\/p>\n<p><span style=\"font-family: 'Open Sans'; font-size: 18px;\">Cette politique se refl\u00e8te \u00e9galement dans les relations avec les fournisseurs, l&rsquo;entreprise privil\u00e9giant le travail avec <em>des partenaires<\/em> locaux. Le Service Achats assigne un pourcentage \u00e9lev\u00e9 des commandes non sp\u00e9cialis\u00e9es \u00e0 des fournisseurs \u00e9tablis \u00e0 proximit\u00e9, ce qui favorise la cr\u00e9ation et le d\u00e9veloppement de l&rsquo;entreprenariat d\u00e9riv\u00e9 de nos diff\u00e9rents secteurs d&rsquo;activit\u00e9. Cette fa\u00e7on d&rsquo;\u00eatre et de faire a valu \u00e0 l&rsquo;entreprise d&rsquo;\u00eatre r\u00e9compens\u00e9e en 2011 avec le Prix Ciudad de Gav\u00e0 de Empresa, et en 2015 avec le Prix Made in Gav\u00e0 aux racines locales.<\/span>[\/vc_column_text][\/vc_column_inner][vc_column_inner width=\u00a0\u00bb1\/3&Prime;]<div class=\"wpex-slider-preloaderimg\"><img loading=\"lazy\" decoding=\"async\" data-no-lazy=\"1\" class=\"skip-lazy\" src=\"https:\/\/www.garciafaura.com\/wp-content\/uploads\/2018\/12\/GARCIAFAURA_ArrelamentTerritori1.jpg\" alt='' data-no-retina width=\"1920\" height=\"1280\" \/><\/div><div class=\"vcex-module wpex-slider slider-pro vcex-image-slider clr\"  data-loop=\"true\" data-auto-play-delay=\"5000\" data-buttons=\"false\" data-fade-arrows=\"false\" data-animation-speed=\"600\" data-auto-height=\"false\" data-thumbnail-height=\"70\" data-thumbnail-width=\"70\"><div class=\"wpex-slider-slides sp-slides\"><div class=\"wpex-slider-slide sp-slide\"><div class=\"wpex-slider-media\"><img loading=\"lazy\" decoding=\"async\" data-no-lazy=\"1\" class=\"skip-lazy\" src=\"https:\/\/www.garciafaura.com\/wp-content\/uploads\/2018\/12\/GARCIAFAURA_ArrelamentTerritori1.jpg\" alt='' data-no-retina width=\"1920\" height=\"1280\" \/><\/div><\/div><div class=\"wpex-slider-slide sp-slide\"><div class=\"wpex-slider-media\"><img loading=\"lazy\" decoding=\"async\" data-no-lazy=\"1\" class=\"skip-lazy\" src=\"https:\/\/www.garciafaura.com\/wp-content\/uploads\/2018\/12\/GARCIAFAURA_ArrelamentTerritori2.jpg\" alt='' data-no-retina width=\"1920\" height=\"1280\" \/><\/div><\/div><div class=\"wpex-slider-slide sp-slide\"><div class=\"wpex-slider-media\"><img loading=\"lazy\" decoding=\"async\" data-no-lazy=\"1\" class=\"skip-lazy\" src=\"https:\/\/www.garciafaura.com\/wp-content\/uploads\/2018\/12\/GARCIAFAURA_ArrelamentTerritori3.jpg\" alt='' data-no-retina width=\"1920\" height=\"1280\" \/><\/div><\/div><\/div><\/div>[\/vc_column_inner][\/vc_row_inner][\/vc_column][\/vc_row][vc_row full_width=\u00a0\u00bbstretch_row\u00a0\u00bb typography_style=\u00a0\u00bbwhite\u00a0\u00bb][vc_column]<h2 class=\"vcex-module vcex-heading vcex-heading-bottom-border-w-color\" style=\"color:#ffffff;border-bottom-color:#d6d6d6;\"><span class=\"vcex-heading-inner clr\" style=\"border-color:#d7515e;\">CAPTATION ET PROMOTION DU TALENT<\/span><\/h2><div class=\"vcex-spacing\" style=\"height:30px\"><\/div>[vc_row_inner][vc_column_inner width=\u00a0\u00bb2\/3&Prime;][vc_column_text]<span style=\"font-family: 'Open Sans'; font-size: 18px;\"><strong>GARCIA FAURA<\/strong> mise sur la jeunesse et la formation continue et les place au c\u0153ur de sa politique de croissance et consolidation. Nous travaillons en coordination avec les universit\u00e9s du pays et les centres sp\u00e9cialis\u00e9s en formation professionnelle pour identifier les nouvelles valeurs \u00e0 potentiel, auxquelles nous offrons des contrats de stage ou des stages de formation au sein de l&rsquo;entreprise. Les jeunes acqui\u00e8rent l&rsquo;exp\u00e9rience du travail dans une structure professionnelle et \u00e0 son tour, l&rsquo;entreprise se nourrit de leur potentiel cr\u00e9atif et de leur enthousiasme. <\/span><\/p>\n<p><span style=\"font-family: 'Open Sans'; font-size: 18px;\">\u00c0 niveau institutionnel, l&rsquo;entreprise participe activement \u00e0 des programmes de soutien au talent entrepreneurial et met ses installations \u00e0 disposition pour la r\u00e9alisation de journ\u00e9es de formation technique. Une formation dont profite l&rsquo;ensemble des travailleurs de l&rsquo;entreprise, pr\u00e8s de 10 % des b\u00e9n\u00e9fices annuels \u00e9tant destin\u00e9 \u00e0 des programmes de formation continue du personnel.<\/span>[\/vc_column_text][\/vc_column_inner][vc_column_inner width=\u00a0\u00bb1\/3&Prime;]<div class=\"wpex-slider-preloaderimg\"><img loading=\"lazy\" decoding=\"async\" data-no-lazy=\"1\" class=\"skip-lazy\" src=\"https:\/\/www.garciafaura.com\/wp-content\/uploads\/2018\/12\/GARCIAFAURA_CaptacioTalent1.jpg\" alt='' data-no-retina width=\"1920\" height=\"1280\" \/><\/div><div class=\"vcex-module wpex-slider slider-pro vcex-image-slider clr\"  data-loop=\"true\" data-auto-play-delay=\"5000\" data-buttons=\"false\" data-fade-arrows=\"false\" data-animation-speed=\"600\" data-auto-height=\"false\" data-thumbnail-height=\"70\" data-thumbnail-width=\"70\"><div class=\"wpex-slider-slides sp-slides\"><div class=\"wpex-slider-slide sp-slide\"><div class=\"wpex-slider-media\"><img loading=\"lazy\" decoding=\"async\" data-no-lazy=\"1\" class=\"skip-lazy\" src=\"https:\/\/www.garciafaura.com\/wp-content\/uploads\/2018\/12\/GARCIAFAURA_CaptacioTalent1.jpg\" alt='' data-no-retina width=\"1920\" height=\"1280\" \/><\/div><\/div><div class=\"wpex-slider-slide sp-slide\"><div class=\"wpex-slider-media\"><img loading=\"lazy\" decoding=\"async\" data-no-lazy=\"1\" class=\"skip-lazy\" src=\"https:\/\/www.garciafaura.com\/wp-content\/uploads\/2018\/12\/GARCIAFAURA_CaptacioTalent2.jpg\" alt='' data-no-retina width=\"1920\" height=\"1280\" \/><\/div><\/div><div class=\"wpex-slider-slide sp-slide\"><div class=\"wpex-slider-media\"><img loading=\"lazy\" decoding=\"async\" data-no-lazy=\"1\" class=\"skip-lazy\" src=\"https:\/\/www.garciafaura.com\/wp-content\/uploads\/2018\/12\/GARCIAFAURA_CaptacioTalent3.jpg\" alt='' data-no-retina width=\"1920\" height=\"1280\" \/><\/div><\/div><\/div><\/div>[\/vc_column_inner][\/vc_row_inner][\/vc_column][\/vc_row][vc_row full_width=\u00a0\u00bbstretch_row\u00a0\u00bb typography_style=\u00a0\u00bbwhite\u00a0\u00bb][vc_column]<h2 class=\"vcex-module vcex-heading vcex-heading-bottom-border-w-color\" style=\"color:#ffffff;border-bottom-color:#d6d6d6;\"><span class=\"vcex-heading-inner clr\" style=\"border-color:#d7515e;\">CULTURE D'ENTREPRISE<\/span><\/h2><div class=\"vcex-spacing\" style=\"height:30px\"><\/div>[vc_row_inner][vc_column_inner width=\u00a0\u00bb2\/3&Prime;][vc_column_text]<span style=\"font-family: 'Open Sans'; font-size: 18px;\"><strong>GARCIA FAURA<\/strong> est une entreprise de tradition familiale et cette fa\u00e7on de comprendre l&rsquo;organisation s&rsquo;\u00e9tend \u00e0 l&rsquo;ensemble de la corporation. C&rsquo;est pourquoi nous misons sur la participation directe des travailleurs \u00e0 la prise de d\u00e9cisions de l&rsquo;entreprise et avons cr\u00e9\u00e9 \u00e0 cet effet des organes tels que le Conseil de Direction (form\u00e9 par les directeurs des diff\u00e9rents secteurs de l&rsquo;entreprise), la Table de S\u00e9curit\u00e9 et Sant\u00e9 (compos\u00e9e par des ouvriers des diff\u00e9rents ateliers de production) ou encore la Commission de Qualit\u00e9 (qui aspire \u00e0 \u00e9tendre le concept de qualit\u00e9 non seulement \u00e0 la fabrication des produits, mais \u00e9galement \u00e0 l&rsquo;ensemble de l&rsquo;organisation dans tous ses processus).<\/span><\/p>\n<p><span style=\"font-family: 'Open Sans'; font-size: 18px;\">L&rsquo;entreprise mise sur la coh\u00e9sion interne et la participation en cr\u00e9ant des outils qui les favorisent, comme des syst\u00e8mes de collecte de suggestions ou l&rsquo;\u00e9laboration d&rsquo;une revue mensuelle interne qui recueille l&rsquo;activit\u00e9 personnelle et professionnelle des propres travailleurs.<\/span>[\/vc_column_text][\/vc_column_inner][vc_column_inner width=\u00a0\u00bb1\/3&Prime;]<div class=\"wpex-slider-preloaderimg\"><img loading=\"lazy\" decoding=\"async\" data-no-lazy=\"1\" class=\"skip-lazy\" src=\"https:\/\/www.garciafaura.com\/wp-content\/uploads\/2018\/12\/GARCIAFAURA_CulturaEmpresa3.jpg\" alt='' data-no-retina width=\"1920\" height=\"1280\" \/><\/div><div class=\"vcex-module wpex-slider slider-pro vcex-image-slider clr\"  data-loop=\"true\" data-auto-play-delay=\"5000\" data-buttons=\"false\" data-fade-arrows=\"false\" data-animation-speed=\"600\" data-auto-height=\"false\" data-thumbnail-height=\"70\" data-thumbnail-width=\"70\"><div class=\"wpex-slider-slides sp-slides\"><div class=\"wpex-slider-slide sp-slide\"><div class=\"wpex-slider-media\"><img loading=\"lazy\" decoding=\"async\" data-no-lazy=\"1\" class=\"skip-lazy\" src=\"https:\/\/www.garciafaura.com\/wp-content\/uploads\/2018\/12\/GARCIAFAURA_CulturaEmpresa3.jpg\" alt='' data-no-retina width=\"1920\" height=\"1280\" \/><\/div><\/div><div class=\"wpex-slider-slide sp-slide\"><div class=\"wpex-slider-media\"><img loading=\"lazy\" decoding=\"async\" data-no-lazy=\"1\" class=\"skip-lazy\" src=\"https:\/\/www.garciafaura.com\/wp-content\/uploads\/2018\/12\/GARCIAFAURA_CulturaEmpresa1.jpg\" alt='' data-no-retina width=\"1920\" height=\"1280\" \/><\/div><\/div><div class=\"wpex-slider-slide sp-slide\"><div class=\"wpex-slider-media\"><img loading=\"lazy\" decoding=\"async\" data-no-lazy=\"1\" class=\"skip-lazy\" src=\"https:\/\/www.garciafaura.com\/wp-content\/uploads\/2018\/12\/GARCIAFAURA_CulturaEmpresa2.jpg\" alt='' data-no-retina width=\"1920\" height=\"1280\" \/><\/div><\/div><\/div><\/div>[\/vc_column_inner][\/vc_row_inner][\/vc_column][\/vc_row]\n<\/div>","protected":false},"excerpt":{"rendered":"<p>[vc_row full_width=\u00a0\u00bbstretch_row\u00a0\u00bb typography_style=\u00a0\u00bbwhite\u00a0\u00bb][vc_column][vc_row_inner][vc_column_inner width=\u00a0\u00bb2\/3&Prime;][vc_column_text]GARCIA FAURA croit au territoire et en leurs habitants. De ce fait, elle promeut des politiques de recrutement local en renfor\u00e7ant le tissu \u00e9conomique de proximit\u00e9 et le talent de l&rsquo;environnement. 70 % des travailleurs de l&rsquo;entreprise&hellip;<\/p>\n","protected":false},"author":3,"featured_media":0,"parent":0,"menu_order":0,"comment_status":"closed","ping_status":"closed","template":"","meta":{"footnotes":""},"class_list":["post-20647","page","type-page","status-publish","hentry","entry","no-media"],"yoast_head":"<!-- This site is optimized with the Yoast SEO plugin v26.7 - https:\/\/yoast.com\/wordpress\/plugins\/seo\/ -->\n<title>Responsabilit\u00e9 Sociale Corporative - GARCIA FAURA<\/title>\n<meta name=\"description\" content=\"Arquitectura en Alumini, Inox, Ferro i Vidre\" \/>\n<meta name=\"robots\" content=\"index, follow, max-snippet:-1, max-image-preview:large, max-video-preview:-1\" \/>\n<link rel=\"canonical\" href=\"https:\/\/www.garciafaura.com\/fr\/responsabilite-sociale-corporative\/\" \/>\n<meta property=\"og:locale\" content=\"fr_FR\" \/>\n<meta property=\"og:type\" content=\"article\" \/>\n<meta property=\"og:title\" content=\"Responsabilit\u00e9 Sociale Corporative - GARCIA FAURA\" \/>\n<meta property=\"og:description\" content=\"Arquitectura en Alumini, Inox, Ferro i Vidre\" \/>\n<meta property=\"og:url\" content=\"https:\/\/www.garciafaura.com\/fr\/responsabilite-sociale-corporative\/\" \/>\n<meta property=\"og:site_name\" content=\"GARCIA FAURA\" \/>\n<meta property=\"article:modified_time\" content=\"2019-06-12T12:55:08+00:00\" \/>\n<meta name=\"twitter:card\" content=\"summary_large_image\" \/>\n<meta name=\"twitter:label1\" content=\"Dur\u00e9e de lecture estim\u00e9e\" \/>\n\t<meta name=\"twitter:data1\" content=\"4 minutes\" \/>\n<script type=\"application\/ld+json\" class=\"yoast-schema-graph\">{\"@context\":\"https:\/\/schema.org\",\"@graph\":[{\"@type\":\"WebPage\",\"@id\":\"https:\/\/www.garciafaura.com\/fr\/responsabilite-sociale-corporative\/\",\"url\":\"https:\/\/www.garciafaura.com\/fr\/responsabilite-sociale-corporative\/\",\"name\":\"Responsabilit\u00e9 Sociale Corporative - GARCIA FAURA\",\"isPartOf\":{\"@id\":\"https:\/\/www.garciafaura.com\/fr\/#website\"},\"datePublished\":\"2019-05-27T11:23:04+00:00\",\"dateModified\":\"2019-06-12T12:55:08+00:00\",\"description\":\"Arquitectura en Alumini, Inox, Ferro i Vidre\",\"breadcrumb\":{\"@id\":\"https:\/\/www.garciafaura.com\/fr\/responsabilite-sociale-corporative\/#breadcrumb\"},\"inLanguage\":\"fr-FR\",\"potentialAction\":[{\"@type\":\"ReadAction\",\"target\":[\"https:\/\/www.garciafaura.com\/fr\/responsabilite-sociale-corporative\/\"]}]},{\"@type\":\"BreadcrumbList\",\"@id\":\"https:\/\/www.garciafaura.com\/fr\/responsabilite-sociale-corporative\/#breadcrumb\",\"itemListElement\":[{\"@type\":\"ListItem\",\"position\":1,\"name\":\"Inici\",\"item\":\"https:\/\/www.garciafaura.com\/fr\/\"},{\"@type\":\"ListItem\",\"position\":2,\"name\":\"Responsabilit\u00e9 Sociale Corporative\"}]},{\"@type\":\"WebSite\",\"@id\":\"https:\/\/www.garciafaura.com\/fr\/#website\",\"url\":\"https:\/\/www.garciafaura.com\/fr\/\",\"name\":\"GARCIA FAURA\",\"description\":\"Arquitectura en Alumini, Inox, Ferro i Vidre\",\"publisher\":{\"@id\":\"https:\/\/www.garciafaura.com\/fr\/#organization\"},\"potentialAction\":[{\"@type\":\"SearchAction\",\"target\":{\"@type\":\"EntryPoint\",\"urlTemplate\":\"https:\/\/www.garciafaura.com\/fr\/?s={search_term_string}\"},\"query-input\":{\"@type\":\"PropertyValueSpecification\",\"valueRequired\":true,\"valueName\":\"search_term_string\"}}],\"inLanguage\":\"fr-FR\"},{\"@type\":\"Organization\",\"@id\":\"https:\/\/www.garciafaura.com\/fr\/#organization\",\"name\":\"GARCIA FAURA\",\"url\":\"https:\/\/www.garciafaura.com\/fr\/\",\"logo\":{\"@type\":\"ImageObject\",\"inLanguage\":\"fr-FR\",\"@id\":\"https:\/\/www.garciafaura.com\/fr\/#\/schema\/logo\/image\/\",\"url\":\"https:\/\/www.garciafaura.com\/wp-content\/uploads\/2018\/09\/Garcia-Faura.png\",\"contentUrl\":\"https:\/\/www.garciafaura.com\/wp-content\/uploads\/2018\/09\/Garcia-Faura.png\",\"width\":512,\"height\":512,\"caption\":\"GARCIA FAURA\"},\"image\":{\"@id\":\"https:\/\/www.garciafaura.com\/fr\/#\/schema\/logo\/image\/\"},\"sameAs\":[\"https:\/\/www.youtube.com\/user\/GARCIAFAURA\"]}]}<\/script>\n<!-- \/ Yoast SEO plugin. -->","yoast_head_json":{"title":"Responsabilit\u00e9 Sociale Corporative - GARCIA FAURA","description":"Arquitectura en Alumini, Inox, Ferro i Vidre","robots":{"index":"index","follow":"follow","max-snippet":"max-snippet:-1","max-image-preview":"max-image-preview:large","max-video-preview":"max-video-preview:-1"},"canonical":"https:\/\/www.garciafaura.com\/fr\/responsabilite-sociale-corporative\/","og_locale":"fr_FR","og_type":"article","og_title":"Responsabilit\u00e9 Sociale Corporative - GARCIA FAURA","og_description":"Arquitectura en Alumini, Inox, Ferro i Vidre","og_url":"https:\/\/www.garciafaura.com\/fr\/responsabilite-sociale-corporative\/","og_site_name":"GARCIA FAURA","article_modified_time":"2019-06-12T12:55:08+00:00","twitter_card":"summary_large_image","twitter_misc":{"Dur\u00e9e de lecture estim\u00e9e":"4 minutes"},"schema":{"@context":"https:\/\/schema.org","@graph":[{"@type":"WebPage","@id":"https:\/\/www.garciafaura.com\/fr\/responsabilite-sociale-corporative\/","url":"https:\/\/www.garciafaura.com\/fr\/responsabilite-sociale-corporative\/","name":"Responsabilit\u00e9 Sociale Corporative - GARCIA FAURA","isPartOf":{"@id":"https:\/\/www.garciafaura.com\/fr\/#website"},"datePublished":"2019-05-27T11:23:04+00:00","dateModified":"2019-06-12T12:55:08+00:00","description":"Arquitectura en Alumini, Inox, Ferro i Vidre","breadcrumb":{"@id":"https:\/\/www.garciafaura.com\/fr\/responsabilite-sociale-corporative\/#breadcrumb"},"inLanguage":"fr-FR","potentialAction":[{"@type":"ReadAction","target":["https:\/\/www.garciafaura.com\/fr\/responsabilite-sociale-corporative\/"]}]},{"@type":"BreadcrumbList","@id":"https:\/\/www.garciafaura.com\/fr\/responsabilite-sociale-corporative\/#breadcrumb","itemListElement":[{"@type":"ListItem","position":1,"name":"Inici","item":"https:\/\/www.garciafaura.com\/fr\/"},{"@type":"ListItem","position":2,"name":"Responsabilit\u00e9 Sociale Corporative"}]},{"@type":"WebSite","@id":"https:\/\/www.garciafaura.com\/fr\/#website","url":"https:\/\/www.garciafaura.com\/fr\/","name":"GARCIA FAURA","description":"Arquitectura en Alumini, Inox, Ferro i Vidre","publisher":{"@id":"https:\/\/www.garciafaura.com\/fr\/#organization"},"potentialAction":[{"@type":"SearchAction","target":{"@type":"EntryPoint","urlTemplate":"https:\/\/www.garciafaura.com\/fr\/?s={search_term_string}"},"query-input":{"@type":"PropertyValueSpecification","valueRequired":true,"valueName":"search_term_string"}}],"inLanguage":"fr-FR"},{"@type":"Organization","@id":"https:\/\/www.garciafaura.com\/fr\/#organization","name":"GARCIA FAURA","url":"https:\/\/www.garciafaura.com\/fr\/","logo":{"@type":"ImageObject","inLanguage":"fr-FR","@id":"https:\/\/www.garciafaura.com\/fr\/#\/schema\/logo\/image\/","url":"https:\/\/www.garciafaura.com\/wp-content\/uploads\/2018\/09\/Garcia-Faura.png","contentUrl":"https:\/\/www.garciafaura.com\/wp-content\/uploads\/2018\/09\/Garcia-Faura.png","width":512,"height":512,"caption":"GARCIA FAURA"},"image":{"@id":"https:\/\/www.garciafaura.com\/fr\/#\/schema\/logo\/image\/"},"sameAs":["https:\/\/www.youtube.com\/user\/GARCIAFAURA"]}]}},"_links":{"self":[{"href":"https:\/\/www.garciafaura.com\/fr\/wp-json\/wp\/v2\/pages\/20647","targetHints":{"allow":["GET"]}}],"collection":[{"href":"https:\/\/www.garciafaura.com\/fr\/wp-json\/wp\/v2\/pages"}],"about":[{"href":"https:\/\/www.garciafaura.com\/fr\/wp-json\/wp\/v2\/types\/page"}],"author":[{"embeddable":true,"href":"https:\/\/www.garciafaura.com\/fr\/wp-json\/wp\/v2\/users\/3"}],"replies":[{"embeddable":true,"href":"https:\/\/www.garciafaura.com\/fr\/wp-json\/wp\/v2\/comments?post=20647"}],"version-history":[{"count":3,"href":"https:\/\/www.garciafaura.com\/fr\/wp-json\/wp\/v2\/pages\/20647\/revisions"}],"predecessor-version":[{"id":22443,"href":"https:\/\/www.garciafaura.com\/fr\/wp-json\/wp\/v2\/pages\/20647\/revisions\/22443"}],"wp:attachment":[{"href":"https:\/\/www.garciafaura.com\/fr\/wp-json\/wp\/v2\/media?parent=20647"}],"curies":[{"name":"wp","href":"https:\/\/api.w.org\/{rel}","templated":true}]}}