{"id":20636,"date":"2019-05-27T11:22:59","date_gmt":"2019-05-27T11:22:59","guid":{"rendered":"https:\/\/www.garciafaura.com\/debut\/"},"modified":"2026-03-03T17:15:53","modified_gmt":"2026-03-03T15:15:53","slug":"debut","status":"publish","type":"page","link":"https:\/\/www.garciafaura.com\/fr\/","title":{"rendered":"Accueil"},"content":{"rendered":"<div class=\"wpb-content-wrapper\">[vc_row full_width=\u00a0\u00bbstretch_row_content\u00a0\u00bb typography_style=\u00a0\u00bbwhite\u00a0\u00bb css=\u00a0\u00bb.vc_custom_1543340787334{margin-right: 30px !important;background-color: #000000 !important;background-position: center !important;background-repeat: no-repeat !important;background-size: cover !important;}\u00a0\u00bb][vc_column width=\u00a0\u00bb1\/6&Prime; css=\u00a0\u00bb.vc_custom_1543335477433{margin-left: 30px !important;}\u00a0\u00bb]<div class=\"vcex-module vcex-teaser vcex-teaser-one vc_custom_1543344949047\"><div class=\"vcex-teaser-content clr\"><h1 class=\"vcex-teaser-heading\" style=\"font-weight:600;\">B\u00e2timents de services<\/h1><div class=\"vcex-teaser-text clr\"><p style=\"text-align: left\"><span style=\"font-family: 'Open Sans'\">Ouvrage public et b\u00e2timents destin\u00e9s \u00e0 l\u2019usage des citoyens. Savoir-faire et capacit\u00e9 technique au service de la construction.<\/span><\/p>\n<\/div><\/div><\/div><div class=\"vc_custom_1543345786144 wpex-clr\"><div class=\"textcenter theme-button-expanded-wrap theme-button-wrap clr\"><a href=\"https:\/\/www.garciafaura.com\/edificis-de-serveis-garcia-faura\/\" title=\"Tancaments per edificis de serveis i equipaments\" class=\"vcex-button theme-button minimal-border small align-center expanded animate-on-hover expanded\" data-wpex-hover='{&quot;background&quot;:&quot;#d7515e&quot;,&quot;color&quot;:&quot;#000000&quot;}'><span class=\"theme-button-inner\">+ Projets GARCIA FAURA<\/span><\/a><\/div><\/div> [\/vc_column][vc_column width=\u00a0\u00bb5\/6&Prime;]<div class=\"vcex-spacing\" style=\"height:30px\"><\/div><div class=\"vcex-module wpex-carousel wpex-carousel-portfolio clr owl-carousel arrwstyle-min arrwpos-center\" data-wpex-carousel=\"{&quot;nav&quot;:true,&quot;dots&quot;:false,&quot;autoplay&quot;:false,&quot;loop&quot;:true,&quot;center&quot;:true,&quot;smartSpeed&quot;:100,&quot;items&quot;:3,&quot;slideBy&quot;:3,&quot;autoplayTimeout&quot;:5000,&quot;margin&quot;:5,&quot;itemsTablet&quot;:3,&quot;itemsMobileLandscape&quot;:2,&quot;itemsMobilePortrait&quot;:1,&quot;autoWidth&quot;:false,&quot;autoHeight&quot;:false}\"><div class=\"wpex-carousel-slide\"><div class=\"wpex-carousel-entry-media clr overlay-parent overlay-parent-title-excerpt-hover overlay-ms overlay-h\"><a href=\"https:\/\/www.garciafaura.com\/fr\/portfolio-item\/nou-edifici-de-serveis-rcp\/\" title=\"Nouveau b\u00e2timent des services du RCP\" class=\"wpex-carousel-entry-img\"><img decoding=\"async\" data-no-lazy=\"1\" class=\"skip-lazy\" src=\"https:\/\/www.garciafaura.com\/wp-content\/uploads\/2023\/08\/Nou-edifici-de-serveis-Reial-Club-de-Polo-12-x.jpg\" alt='' data-no-retina \/>\n<div class=\"overlay-title-excerpt-hover overlay-hide theme-overlay textcenter\">\n\t<div class=\"overlay-table clr\">\n\t\t<div class=\"overlay-table-cell clr\">\n\t\t\t<div class=\"overlay-title\">Nouveau b\u00e2timent des services du RCP<\/div>\n\t\t\t<div class=\"overlay-excerpt\"><p>Fermetures en aluminium et en verre et 320 m\u00e8tres carr\u00e9s de mur-rideau avec des profil\u00e9s&hellip;<\/p><\/div>\t\t<\/div>\n\t<\/div>\n<\/div><\/a><\/div><\/div><div class=\"wpex-carousel-slide\"><div class=\"wpex-carousel-entry-media clr overlay-parent overlay-parent-title-excerpt-hover overlay-ms overlay-h\"><a href=\"https:\/\/www.garciafaura.com\/fr\/portfolio-item\/nova-seu-del-servei-demergencies-mediques\/\" title=\"Nouveau si\u00e8ge du SEM\" class=\"wpex-carousel-entry-img\"><img decoding=\"async\" data-no-lazy=\"1\" class=\"skip-lazy\" src=\"https:\/\/www.garciafaura.com\/wp-content\/uploads\/2023\/07\/Seu-SEM-Garcia-Faura-23-x.jpg\" alt='' data-no-retina \/>\n<div class=\"overlay-title-excerpt-hover overlay-hide theme-overlay textcenter\">\n\t<div class=\"overlay-table clr\">\n\t\t<div class=\"overlay-table-cell clr\">\n\t\t\t<div class=\"overlay-title\">Nouveau si\u00e8ge du SEM<\/div>\n\t\t\t<div class=\"overlay-excerpt\"><p>D\u00e9veloppement d'un mur-rideau et d'une enveloppe, ainsi que d'un pare-soleil ext\u00e9rieur en maille d\u00e9ploy\u00e9e, pour&hellip;<\/p><\/div>\t\t<\/div>\n\t<\/div>\n<\/div><\/a><\/div><\/div><div class=\"wpex-carousel-slide\"><div class=\"wpex-carousel-entry-media clr overlay-parent overlay-parent-title-excerpt-hover overlay-ms overlay-h\"><a href=\"https:\/\/www.garciafaura.com\/fr\/portfolio-item\/residencia-destudiants-valeo-22\/\" title=\"R\u00e9sidence \u00e9tudiante Valeo 22@\" class=\"wpex-carousel-entry-img\"><img decoding=\"async\" data-no-lazy=\"1\" class=\"skip-lazy\" src=\"https:\/\/www.garciafaura.com\/wp-content\/uploads\/2021\/10\/Residencia-Valeo-13-x.jpg\" alt='' data-no-retina \/>\n<div class=\"overlay-title-excerpt-hover overlay-hide theme-overlay textcenter\">\n\t<div class=\"overlay-table clr\">\n\t\t<div class=\"overlay-table-cell clr\">\n\t\t\t<div class=\"overlay-title\">R\u00e9sidence \u00e9tudiante Valeo 22@<\/div>\n\t\t\t<div class=\"overlay-excerpt\"><p>Fabrication et installation de 600 fermetures en aluminium et verre pour la r\u00e9sidence d'\u00e9tudiants nouvellement&hellip;<\/p><\/div>\t\t<\/div>\n\t<\/div>\n<\/div><\/a><\/div><\/div><div class=\"wpex-carousel-slide\"><div class=\"wpex-carousel-entry-media clr overlay-parent overlay-parent-title-excerpt-hover overlay-ms overlay-h\"><a href=\"https:\/\/www.garciafaura.com\/fr\/portfolio-item\/residencia-pallars-433\/\" title=\"R\u00e9sidence \u00e9tudiante Pallars 433\" class=\"wpex-carousel-entry-img\"><img decoding=\"async\" data-no-lazy=\"1\" class=\"skip-lazy\" src=\"https:\/\/www.garciafaura.com\/wp-content\/uploads\/2021\/08\/Residencia-Pallars-433-11-x.jpg\" alt='' data-no-retina \/>\n<div class=\"overlay-title-excerpt-hover overlay-hide theme-overlay textcenter\">\n\t<div class=\"overlay-table clr\">\n\t\t<div class=\"overlay-table-cell clr\">\n\t\t\t<div class=\"overlay-title\">R\u00e9sidence \u00e9tudiante Pallars 433<\/div>\n\t\t\t<div class=\"overlay-excerpt\"><p>D\u00e9veloppement, fabrication et installation des fermetures pour les \u00e9tages inf\u00e9rieurs de la plus grande r\u00e9sidence&hellip;<\/p><\/div>\t\t<\/div>\n\t<\/div>\n<\/div><\/a><\/div><\/div><div class=\"wpex-carousel-slide\"><div class=\"wpex-carousel-entry-media clr overlay-parent overlay-parent-title-excerpt-hover overlay-ms overlay-h\"><a href=\"https:\/\/www.garciafaura.com\/fr\/portfolio-item\/edifici-smart-bcn\/\" title=\"B\u00e2timent Smart BCN\" class=\"wpex-carousel-entry-img\"><img decoding=\"async\" data-no-lazy=\"1\" class=\"skip-lazy\" src=\"https:\/\/www.garciafaura.com\/wp-content\/uploads\/2021\/04\/Edifici-Smart-323-01-x.jpg\" alt='' data-no-retina \/>\n<div class=\"overlay-title-excerpt-hover overlay-hide theme-overlay textcenter\">\n\t<div class=\"overlay-table clr\">\n\t\t<div class=\"overlay-table-cell clr\">\n\t\t\t<div class=\"overlay-title\">B\u00e2timent Smart BCN<\/div>\n\t\t\t<div class=\"overlay-excerpt\"><p>D\u00e9veloppement, fabrication et installation de 8 900 m\u00e8tres carr\u00e9s de mur-rideau, 1 100 m\u00e8tres carr\u00e9s&hellip;<\/p><\/div>\t\t<\/div>\n\t<\/div>\n<\/div><\/a><\/div><\/div><div class=\"wpex-carousel-slide\"><div class=\"wpex-carousel-entry-media clr overlay-parent overlay-parent-title-excerpt-hover overlay-ms overlay-h\"><a href=\"https:\/\/www.garciafaura.com\/fr\/portfolio-item\/hospital-sjd-pediatric-cancer-center-de-barcelona\/\" title=\"H\u00f4pital SJD Pediatric Cancer Center BCN\" class=\"wpex-carousel-entry-img\"><img decoding=\"async\" data-no-lazy=\"1\" class=\"skip-lazy\" src=\"https:\/\/www.garciafaura.com\/wp-content\/uploads\/2021\/01\/Pediatric-Centre-Sant-Joan-Deu-42-x.jpg\" alt='' data-no-retina \/>\n<div class=\"overlay-title-excerpt-hover overlay-hide theme-overlay textcenter\">\n\t<div class=\"overlay-table clr\">\n\t\t<div class=\"overlay-table-cell clr\">\n\t\t\t<div class=\"overlay-title\">H\u00f4pital SJD Pediatric Cancer Center BCN<\/div>\n\t\t\t<div class=\"overlay-excerpt\"><p>Murs-rideaux, fermetures, vitrages et travaux m\u00e9talliques sur la fa\u00e7ade du nouvel h\u00f4pital p\u00e9diatrique Sant Joan&hellip;<\/p><\/div>\t\t<\/div>\n\t<\/div>\n<\/div><\/a><\/div><\/div><div class=\"wpex-carousel-slide\"><div class=\"wpex-carousel-entry-media clr overlay-parent overlay-parent-title-excerpt-hover overlay-ms overlay-h\"><a href=\"https:\/\/www.garciafaura.com\/fr\/portfolio-item\/complex-de-bureaux-et-hotel-a-luxembourg\/\" title=\"Bureaux et h\u00f4tel \u00e0 Luxembourg\" class=\"wpex-carousel-entry-img\"><img decoding=\"async\" data-no-lazy=\"1\" class=\"skip-lazy\" src=\"https:\/\/www.garciafaura.com\/wp-content\/uploads\/2021\/01\/OBH-Luxemburg-08-x.jpg\" alt='' data-no-retina \/>\n<div class=\"overlay-title-excerpt-hover overlay-hide theme-overlay textcenter\">\n\t<div class=\"overlay-table clr\">\n\t\t<div class=\"overlay-table-cell clr\">\n\t\t\t<div class=\"overlay-title\">Bureaux et h\u00f4tel \u00e0 Luxembourg<\/div>\n\t\t\t<div class=\"overlay-excerpt\"><p>Travaux pour un complexe de bureaux et d\u2019h\u00f4tels dans le prestigieux quartier du Kirchberg \u00e0&hellip;<\/p><\/div>\t\t<\/div>\n\t<\/div>\n<\/div><\/a><\/div><\/div><div class=\"wpex-carousel-slide\"><div class=\"wpex-carousel-entry-media clr overlay-parent overlay-parent-title-excerpt-hover overlay-ms overlay-h\"><a href=\"https:\/\/www.garciafaura.com\/fr\/portfolio-item\/complexe-sportif-podium\/\" title=\"Complexe sportif P\u00f2dium\" class=\"wpex-carousel-entry-img\"><img decoding=\"async\" data-no-lazy=\"1\" class=\"skip-lazy\" src=\"https:\/\/www.garciafaura.com\/wp-content\/uploads\/2018\/10\/Po\u0300dium-Viladecans-06-x.jpg\" alt=\"Fermetures Et Murs-rideaux Pour Ce Nouveau Complexe Sportif \u00e0 Viladecans\" data-no-retina \/>\n<div class=\"overlay-title-excerpt-hover overlay-hide theme-overlay textcenter\">\n\t<div class=\"overlay-table clr\">\n\t\t<div class=\"overlay-table-cell clr\">\n\t\t\t<div class=\"overlay-title\">Complexe sportif P\u00f2dium<\/div>\n\t\t\t<div class=\"overlay-excerpt\"><p>Viladecans. Ann\u00e9e d'ach\u00e8vement : 2015 Architecte : Brullet - De Luna Surface d'intervention : Fermetures&hellip;<\/p><\/div>\t\t<\/div>\n\t<\/div>\n<\/div><\/a><\/div><\/div><div class=\"wpex-carousel-slide\"><div class=\"wpex-carousel-entry-media clr overlay-parent overlay-parent-title-excerpt-hover overlay-ms overlay-h\"><a href=\"https:\/\/www.garciafaura.com\/fr\/portfolio-item\/funerarium-lhospitalet-ronda\/\" title=\"Fun\u00e9rarium L&rsquo;Hospitalet Ronda\" class=\"wpex-carousel-entry-img\"><img decoding=\"async\" data-no-lazy=\"1\" class=\"skip-lazy\" src=\"https:\/\/www.garciafaura.com\/wp-content\/uploads\/2018\/10\/Tanatori-Hospitalet-Ronda-02-x.jpg\" alt=\"Fermetures En Aluminium, Mur-rideau, Lucarnes Et Cloisons Pour Ce Nouvel \u00e9quipement.\" data-no-retina \/>\n<div class=\"overlay-title-excerpt-hover overlay-hide theme-overlay textcenter\">\n\t<div class=\"overlay-table clr\">\n\t\t<div class=\"overlay-table-cell clr\">\n\t\t\t<div class=\"overlay-title\">Fun\u00e9rarium L&rsquo;Hospitalet Ronda<\/div>\n\t\t\t<div class=\"overlay-excerpt\"><p>L'Hospitalet de Llobregat. Ann\u00e9e d'ach\u00e8vement : 2015 Architecte : Ribas &amp; Ribas Surface d'intervention :&hellip;<\/p><\/div>\t\t<\/div>\n\t<\/div>\n<\/div><\/a><\/div><\/div><div class=\"wpex-carousel-slide\"><div class=\"wpex-carousel-entry-media clr overlay-parent overlay-parent-title-excerpt-hover overlay-ms overlay-h\"><a href=\"https:\/\/www.garciafaura.com\/fr\/portfolio-item\/agrandissement-faculte-de-droit-ub\/\" title=\"Agrandissement Facult\u00e9 de Droit UB\" class=\"wpex-carousel-entry-img\"><img decoding=\"async\" data-no-lazy=\"1\" class=\"skip-lazy\" src=\"https:\/\/www.garciafaura.com\/wp-content\/uploads\/2018\/10\/Ampliacio-Facultat-Dret-UB-01-x.jpg\" alt=\"Mur-rideau Pour La Nouvelle Facult\u00e9 De Droit De L'Universit\u00e9 De Barcelone\" data-no-retina \/>\n<div class=\"overlay-title-excerpt-hover overlay-hide theme-overlay textcenter\">\n\t<div class=\"overlay-table clr\">\n\t\t<div class=\"overlay-table-cell clr\">\n\t\t\t<div class=\"overlay-title\">Agrandissement Facult\u00e9 de Droit UB<\/div>\n\t\t\t<div class=\"overlay-excerpt\"><p>Barcelone. Ann\u00e9e d'ach\u00e8vement : 2017 Architecte : Jordi Marc\u00e8 Surface d'intervention : Mur-rideau : 7500m\u00b2&hellip;<\/p><\/div>\t\t<\/div>\n\t<\/div>\n<\/div><\/a><\/div><\/div><div class=\"wpex-carousel-slide\"><div class=\"wpex-carousel-entry-media clr overlay-parent overlay-parent-title-excerpt-hover overlay-ms overlay-h\"><a href=\"https:\/\/www.garciafaura.com\/fr\/portfolio-item\/nouvelle-ecole-massana\/\" title=\"Nouvelle \u00c9cole Massana\" class=\"wpex-carousel-entry-img\"><img loading=\"lazy\" decoding=\"async\" data-no-lazy=\"1\" class=\"skip-lazy\" src=\"https:\/\/www.garciafaura.com\/wp-content\/uploads\/2018\/10\/Nova-Escola-Massana-01.jpg\" alt=\"Mur-rideau Et Fermetures Pour Le Nouveau B\u00e2timent Du Centre D'Art Et Design\" data-no-retina width=\"1200\" height=\"627\" \/>\n<div class=\"overlay-title-excerpt-hover overlay-hide theme-overlay textcenter\">\n\t<div class=\"overlay-table clr\">\n\t\t<div class=\"overlay-table-cell clr\">\n\t\t\t<div class=\"overlay-title\">Nouvelle \u00c9cole Massana<\/div>\n\t\t\t<div class=\"overlay-excerpt\"><p>Barcelone. Ann\u00e9e d'ach\u00e8vement : 2017 Architecte : Carme Pin\u00f3s Surface d'intervention : Fermetures : 1775&hellip;<\/p><\/div>\t\t<\/div>\n\t<\/div>\n<\/div><\/a><\/div><\/div><div class=\"wpex-carousel-slide\"><div class=\"wpex-carousel-entry-media clr overlay-parent overlay-parent-title-excerpt-hover overlay-ms overlay-h\"><a href=\"https:\/\/www.garciafaura.com\/fr\/portfolio-item\/ecole-betania-patmos\/\" title=\"\u00c9cole Bet\u00e0nia Patmos\" class=\"wpex-carousel-entry-img\"><img decoding=\"async\" data-no-lazy=\"1\" class=\"skip-lazy\" src=\"https:\/\/www.garciafaura.com\/wp-content\/uploads\/2018\/09\/Escola-Betania-Patmos-02-x.jpg\" alt=\"Fermetures, Verri\u00e8re Et Fa\u00e7ade \u00e0 Lames Solaires\" data-no-retina \/>\n<div class=\"overlay-title-excerpt-hover overlay-hide theme-overlay textcenter\">\n\t<div class=\"overlay-table clr\">\n\t\t<div class=\"overlay-table-cell clr\">\n\t\t\t<div class=\"overlay-title\">\u00c9cole Bet\u00e0nia Patmos<\/div>\n\t\t\t<div class=\"overlay-excerpt\"><p>Barcelone. Ann\u00e9e d'ach\u00e8vement : 2017 Architecte : Capilla-M\u00f3naco Arquitectes Surface d'intervention : Fermetures ext\u00e9rieures :&hellip;<\/p><\/div>\t\t<\/div>\n\t<\/div>\n<\/div><\/a><\/div><\/div><div class=\"wpex-carousel-slide\"><div class=\"wpex-carousel-entry-media clr overlay-parent overlay-parent-title-excerpt-hover overlay-ms overlay-h\"><a href=\"https:\/\/www.garciafaura.com\/fr\/portfolio-item\/funerarium-sancho-de-avila\/\" title=\"Fun\u00e9rarium Sancho de \u00c1vila\" class=\"wpex-carousel-entry-img\"><img decoding=\"async\" data-no-lazy=\"1\" class=\"skip-lazy\" src=\"https:\/\/www.garciafaura.com\/wp-content\/uploads\/2018\/09\/Tanatori-Sancho-de-Avila-01-x.jpg\" alt='' data-no-retina \/>\n<div class=\"overlay-title-excerpt-hover overlay-hide theme-overlay textcenter\">\n\t<div class=\"overlay-table clr\">\n\t\t<div class=\"overlay-table-cell clr\">\n\t\t\t<div class=\"overlay-title\">Fun\u00e9rarium Sancho de \u00c1vila<\/div>\n\t\t\t<div class=\"overlay-excerpt\"><p>Barcelone. Ann\u00e9e d'ach\u00e8vement : 2018 Architecte : JF Arquitectes Surface d'intervention : Fermetures : 450&hellip;<\/p><\/div>\t\t<\/div>\n\t<\/div>\n<\/div><\/a><\/div><\/div><div class=\"wpex-carousel-slide\"><div class=\"wpex-carousel-entry-media clr overlay-parent overlay-parent-title-excerpt-hover overlay-ms overlay-h\"><a href=\"https:\/\/www.garciafaura.com\/fr\/portfolio-item\/agrandissement-de-loceanarium-de-lisbonne\/\" title=\"Agrandissement Oc\u00e9anarium de Lisbonne\" class=\"wpex-carousel-entry-img\"><img decoding=\"async\" data-no-lazy=\"1\" class=\"skip-lazy\" src=\"https:\/\/www.garciafaura.com\/wp-content\/uploads\/2018\/09\/Oceanario-Lisboa-04-x.jpg\" alt='' data-no-retina \/>\n<div class=\"overlay-title-excerpt-hover overlay-hide theme-overlay textcenter\">\n\t<div class=\"overlay-table clr\">\n\t\t<div class=\"overlay-table-cell clr\">\n\t\t\t<div class=\"overlay-title\">Agrandissement Oc\u00e9anarium de Lisbonne<\/div>\n\t\t\t<div class=\"overlay-excerpt\"><p>Lisbonne (Portugal). Ann\u00e9e d'ach\u00e8vement : 2018 Architecte : Peter Chermayeff Surface d'intervention : Fermetures :&hellip;<\/p><\/div>\t\t<\/div>\n\t<\/div>\n<\/div><\/a><\/div><\/div><div class=\"wpex-carousel-slide\"><div class=\"wpex-carousel-entry-media clr overlay-parent overlay-parent-title-excerpt-hover overlay-ms overlay-h\"><a href=\"https:\/\/www.garciafaura.com\/fr\/portfolio-item\/lycee-esteve-albert\/\" title=\"Lyc\u00e9e Esteve Albert\" class=\"wpex-carousel-entry-img\"><img loading=\"lazy\" decoding=\"async\" data-no-lazy=\"1\" class=\"skip-lazy\" src=\"https:\/\/www.garciafaura.com\/wp-content\/uploads\/2018\/11\/Institut-Sant-Vicenc\u0327-Montalt-12.jpg\" alt='' data-no-retina width=\"1200\" height=\"629\" \/>\n<div class=\"overlay-title-excerpt-hover overlay-hide theme-overlay textcenter\">\n\t<div class=\"overlay-table clr\">\n\t\t<div class=\"overlay-table-cell clr\">\n\t\t\t<div class=\"overlay-title\">Lyc\u00e9e Esteve Albert<\/div>\n\t\t\t<div class=\"overlay-excerpt\"><p>San Vicen\u00e7 de Montalt. Ann\u00e9e d'ach\u00e8vement : 2015 Architecte : Estudi Nao + Jos\u00e9 Mar\u00eda&hellip;<\/p><\/div>\t\t<\/div>\n\t<\/div>\n<\/div><\/a><\/div><\/div><div class=\"wpex-carousel-slide\"><div class=\"wpex-carousel-entry-media clr overlay-parent overlay-parent-title-excerpt-hover overlay-ms overlay-h\"><a href=\"https:\/\/www.garciafaura.com\/fr\/portfolio-item\/centre-gestion-des-aeroports-de-colombie\/\" title=\"Centre Gestion des A\u00e9roports de Colombie\" class=\"wpex-carousel-entry-img\"><img loading=\"lazy\" decoding=\"async\" data-no-lazy=\"1\" class=\"skip-lazy\" src=\"https:\/\/www.garciafaura.com\/wp-content\/uploads\/2018\/10\/Centro-Gestio\u0301n-Aeroportuaria-01.jpg\" alt='' data-no-retina width=\"1200\" height=\"629\" \/>\n<div class=\"overlay-title-excerpt-hover overlay-hide theme-overlay textcenter\">\n\t<div class=\"overlay-table clr\">\n\t\t<div class=\"overlay-table-cell clr\">\n\t\t\t<div class=\"overlay-title\">Centre Gestion des A\u00e9roports de Colombie<\/div>\n\t\t\t<div class=\"overlay-excerpt\"><p>Bogot\u00e1 D.C. (Colombie). Ann\u00e9e d'ach\u00e8vement : 2015 Architecte : Esteban Rodr\u00edguez Soto | Sener -&hellip;<\/p><\/div>\t\t<\/div>\n\t<\/div>\n<\/div><\/a><\/div><\/div><div class=\"wpex-carousel-slide\"><div class=\"wpex-carousel-entry-media clr overlay-parent overlay-parent-title-excerpt-hover overlay-ms overlay-h\"><a href=\"https:\/\/www.garciafaura.com\/fr\/portfolio-item\/tour-de-controle-aeroport-el-dorado\/\" title=\"Tour de Contr\u00f4le A\u00e9roport El Dorado\" class=\"wpex-carousel-entry-img\"><img decoding=\"async\" data-no-lazy=\"1\" class=\"skip-lazy\" src=\"https:\/\/www.garciafaura.com\/wp-content\/uploads\/2018\/10\/Colo\u0300mbia-Torre-Control-El-Dorado-02-x.jpg\" alt='' data-no-retina \/>\n<div class=\"overlay-title-excerpt-hover overlay-hide theme-overlay textcenter\">\n\t<div class=\"overlay-table clr\">\n\t\t<div class=\"overlay-table-cell clr\">\n\t\t\t<div class=\"overlay-title\">Tour de Contr\u00f4le A\u00e9roport El Dorado<\/div>\n\t\t\t<div class=\"overlay-excerpt\"><p>Bogot\u00e1 D.C. (Colombie). Ann\u00e9e d'ach\u00e8vement : 2016 Architecte : Bruce S. Fairbanks | INECO Surface&hellip;<\/p><\/div>\t\t<\/div>\n\t<\/div>\n<\/div><\/a><\/div><\/div><div class=\"wpex-carousel-slide\"><div class=\"wpex-carousel-entry-media clr overlay-parent overlay-parent-title-excerpt-hover overlay-ms overlay-h\"><a href=\"https:\/\/www.garciafaura.com\/fr\/portfolio-item\/terminal-grimaldi\/\" title=\"Terminal Grimaldi\" class=\"wpex-carousel-entry-img\"><img decoding=\"async\" data-no-lazy=\"1\" class=\"skip-lazy\" src=\"https:\/\/www.garciafaura.com\/wp-content\/uploads\/2018\/11\/Terminal-Grimaldi-19-x.jpg\" alt=\"Nouveau Terminal De La Compagnie Grimaldi Dans Le Port De Barcelone\" data-no-retina \/>\n<div class=\"overlay-title-excerpt-hover overlay-hide theme-overlay textcenter\">\n\t<div class=\"overlay-table clr\">\n\t\t<div class=\"overlay-table-cell clr\">\n\t\t\t<div class=\"overlay-title\">Terminal Grimaldi<\/div>\n\t\t\t<div class=\"overlay-excerpt\"><p>Barcelone. Ann\u00e9e d'ach\u00e8vement : 2013 Architecte : Yannic Lev\u00eaque Surface d'intervention : Fermetures : 386&hellip;<\/p><\/div>\t\t<\/div>\n\t<\/div>\n<\/div><\/a><\/div><\/div><div class=\"wpex-carousel-slide\"><div class=\"wpex-carousel-entry-media clr overlay-parent overlay-parent-title-excerpt-hover overlay-ms overlay-h\"><a href=\"https:\/\/www.garciafaura.com\/fr\/portfolio-item\/ctm-centre-techonologique-de-manresa\/\" title=\"CTM Centre Techonologique de Manresa\" class=\"wpex-carousel-entry-img\"><img decoding=\"async\" data-no-lazy=\"1\" class=\"skip-lazy\" src=\"https:\/\/www.garciafaura.com\/wp-content\/uploads\/2018\/11\/Centre-Tecnolo\u0300gic-Manresa-19-x.jpg\" alt=\"Fabrication Et Installation De Fermetures, Mur-rideau Et Rev\u00eatement De Fa\u00e7ade\" data-no-retina \/>\n<div class=\"overlay-title-excerpt-hover overlay-hide theme-overlay textcenter\">\n\t<div class=\"overlay-table clr\">\n\t\t<div class=\"overlay-table-cell clr\">\n\t\t\t<div class=\"overlay-title\">CTM Centre Techonologique de Manresa<\/div>\n\t\t\t<div class=\"overlay-excerpt\"><p>Manresa. Ann\u00e9e d'ach\u00e8vement : 2013 Architectes : Eduard Gasc\u00f3n et Jordi Roig Surface d'intervention :&hellip;<\/p><\/div>\t\t<\/div>\n\t<\/div>\n<\/div><\/a><\/div><\/div><div class=\"wpex-carousel-slide\"><div class=\"wpex-carousel-entry-media clr overlay-parent overlay-parent-title-excerpt-hover overlay-ms overlay-h\"><a href=\"https:\/\/www.garciafaura.com\/fr\/portfolio-item\/projet-morland\/\" title=\"Projet Morland\" class=\"wpex-carousel-entry-img\"><img decoding=\"async\" data-no-lazy=\"1\" class=\"skip-lazy\" src=\"https:\/\/www.garciafaura.com\/wp-content\/uploads\/2022\/06\/Morland01-x.jpg\" alt='' data-no-retina \/>\n<div class=\"overlay-title-excerpt-hover overlay-hide theme-overlay textcenter\">\n\t<div class=\"overlay-table clr\">\n\t\t<div class=\"overlay-table-cell clr\">\n\t\t\t<div class=\"overlay-title\">Projet Morland<\/div>\n\t\t\t<div class=\"overlay-excerpt\"><p>GARCIA FAURA a particip\u00e9 \u00e0 la r\u00e9habilitation structurelle et architecturale de Morland Mixit\u00e9 Capitale, l\u2019ancien&hellip;<\/p><\/div>\t\t<\/div>\n\t<\/div>\n<\/div><\/a><\/div><\/div><div class=\"wpex-carousel-slide\"><div class=\"wpex-carousel-entry-media clr overlay-parent overlay-parent-title-excerpt-hover overlay-ms overlay-h\"><a href=\"https:\/\/www.garciafaura.com\/fr\/portfolio-item\/campus-condorcet\/\" title=\"Campus Condorcet\" class=\"wpex-carousel-entry-img\"><img loading=\"lazy\" decoding=\"async\" data-no-lazy=\"1\" class=\"skip-lazy\" src=\"https:\/\/www.garciafaura.com\/wp-content\/uploads\/2019\/04\/01-CampusCondorcet_FotoSimonGarcia_arqfoto-1200x628.jpg\" alt='' data-no-retina width=\"1200\" height=\"628\" \/>\n<div class=\"overlay-title-excerpt-hover overlay-hide theme-overlay textcenter\">\n\t<div class=\"overlay-table clr\">\n\t\t<div class=\"overlay-table-cell clr\">\n\t\t\t<div class=\"overlay-title\">Campus Condorcet<\/div>\n\t\t\t<div class=\"overlay-excerpt\"><p>Ann\u00e9e de fin de traveaux: 2019\u00a0Architecte: Brunet Saunier Architecture Champ d'intervention:\u00a0Mur-rideau: 1500 m\u00b2 | Fermetures:&hellip;<\/p><\/div>\t\t<\/div>\n\t<\/div>\n<\/div><\/a><\/div><\/div><div class=\"wpex-carousel-slide\"><div class=\"wpex-carousel-entry-media clr overlay-parent overlay-parent-title-excerpt-hover overlay-ms overlay-h\"><a href=\"https:\/\/www.garciafaura.com\/fr\/portfolio-item\/funerarium-de-terrassa\/\" title=\"Fun\u00e9rarium de Terrassa\" class=\"wpex-carousel-entry-img\"><img decoding=\"async\" data-no-lazy=\"1\" class=\"skip-lazy\" src=\"https:\/\/www.garciafaura.com\/wp-content\/uploads\/2018\/12\/Tanatori-Terrassa-01-x.jpg\" alt=\"Travaux D'aluminium Et Verre Pour Ce B\u00e2timent Fun\u00e9raire\" data-no-retina \/>\n<div class=\"overlay-title-excerpt-hover overlay-hide theme-overlay textcenter\">\n\t<div class=\"overlay-table clr\">\n\t\t<div class=\"overlay-table-cell clr\">\n\t\t\t<div class=\"overlay-title\">Fun\u00e9rarium de Terrassa<\/div>\n\t\t\t<div class=\"overlay-excerpt\"><p>Ann\u00e9e de fin de traveaux: 2018\u00a0Architecte: Batlle i Roig Arquitectes\u00a0Champ d'intervention:\u00a0Fermetures: 275 m\u00b2 Le fune\u0301rarium&hellip;<\/p><\/div>\t\t<\/div>\n\t<\/div>\n<\/div><\/a><\/div><\/div><div class=\"wpex-carousel-slide\"><div class=\"wpex-carousel-entry-media clr overlay-parent overlay-parent-title-excerpt-hover overlay-ms overlay-h\"><a href=\"https:\/\/www.garciafaura.com\/fr\/portfolio-item\/foire-de-barcelona-gran-via\/\" title=\"Foire de Barcelona Gran Via\" class=\"wpex-carousel-entry-img\"><img decoding=\"async\" data-no-lazy=\"1\" class=\"skip-lazy\" src=\"https:\/\/www.garciafaura.com\/wp-content\/uploads\/2018\/11\/Fira-de-Barcelona-00-x.jpg\" alt=\"Mur-rideau Et Fermetures Pour Le Pavillon De La Fira 2 Con\u00e7u Par L'architecte Toyo Ito\" data-no-retina \/>\n<div class=\"overlay-title-excerpt-hover overlay-hide theme-overlay textcenter\">\n\t<div class=\"overlay-table clr\">\n\t\t<div class=\"overlay-table-cell clr\">\n\t\t\t<div class=\"overlay-title\">Foire de Barcelona Gran Via<\/div>\n\t\t\t<div class=\"overlay-excerpt\"><p>L'Hospitalet de Llobregat Ann\u00e9e d'ach\u00e8vement : 2007 Architecte : Toyo Ito \u0152uvre de l'architecte Toyo&hellip;<\/p><\/div>\t\t<\/div>\n\t<\/div>\n<\/div><\/a><\/div><\/div><div class=\"wpex-carousel-slide\"><div class=\"wpex-carousel-entry-media clr overlay-parent overlay-parent-title-excerpt-hover overlay-ms overlay-h\"><a href=\"https:\/\/www.garciafaura.com\/fr\/portfolio-item\/ville-de-la-justice-de-barcelone\/\" title=\"Ville de la Justice de Barcelone\" class=\"wpex-carousel-entry-img\"><img decoding=\"async\" data-no-lazy=\"1\" class=\"skip-lazy\" src=\"https:\/\/www.garciafaura.com\/wp-content\/uploads\/2019\/03\/CiutatJusticia-x.jpg\" alt='' data-no-retina \/>\n<div class=\"overlay-title-excerpt-hover overlay-hide theme-overlay textcenter\">\n\t<div class=\"overlay-table clr\">\n\t\t<div class=\"overlay-table-cell clr\">\n\t\t\t<div class=\"overlay-title\">Ville de la Justice de Barcelone<\/div>\n\t\t\t<div class=\"overlay-excerpt\"><p>Barcelone. Ann\u00e9e d'ach\u00e8vement : 2009 Architecte : David Chipperfield \/ Estudi b720 Surface d'intervention :&hellip;<\/p><\/div>\t\t<\/div>\n\t<\/div>\n<\/div><\/a><\/div><\/div><div class=\"wpex-carousel-slide\"><div class=\"wpex-carousel-entry-media clr overlay-parent overlay-parent-title-excerpt-hover overlay-ms overlay-h\"><a href=\"https:\/\/www.garciafaura.com\/fr\/portfolio-item\/centre-penitentiaire-mas-denric\/\" title=\"Centre P\u00e9nitentiaire Mas d&rsquo;Enric\" class=\"wpex-carousel-entry-img\"><img decoding=\"async\" data-no-lazy=\"1\" class=\"skip-lazy\" src=\"https:\/\/www.garciafaura.com\/wp-content\/uploads\/2018\/11\/Centre-Penitenciari-Tarragona-01-x.jpg\" alt=\"Ensemble De Fermetures Int\u00e9rieures Et Ext\u00e9rieures Pour Le Nouveau Centre P\u00e9nitentiaire Mas D'Enric\" data-no-retina \/>\n<div class=\"overlay-title-excerpt-hover overlay-hide theme-overlay textcenter\">\n\t<div class=\"overlay-table clr\">\n\t\t<div class=\"overlay-table-cell clr\">\n\t\t\t<div class=\"overlay-title\">Centre P\u00e9nitentiaire Mas d&rsquo;Enric<\/div>\n\t\t\t<div class=\"overlay-excerpt\"><p>Ann\u00e9e d'ach\u00e8vement : 2012 Nous sommes les sp\u00e9cialistes des travaux en fer et acier inoxydable&hellip;<\/p><\/div>\t\t<\/div>\n\t<\/div>\n<\/div><\/a><\/div><\/div><\/div>[\/vc_column][\/vc_row][vc_row full_width=\u00a0\u00bbstretch_row_content\u00a0\u00bb typography_style=\u00a0\u00bbwhite\u00a0\u00bb css=\u00a0\u00bb.vc_custom_1543336958370{margin-right: 30px !important;margin-left: 15px !important;background-color: #000000 !important;background-position: center !important;background-repeat: no-repeat !important;background-size: cover !important;}\u00a0\u00bb][vc_column width=\u00a0\u00bb5\/6&Prime; css=\u00a0\u00bb.vc_custom_1543335477433{margin-left: 30px !important;}\u00a0\u00bb]<div class=\"vcex-spacing\" style=\"height:30px\"><\/div><div class=\"vcex-module wpex-carousel wpex-carousel-portfolio clr owl-carousel arrwstyle-min arrwpos-center\" data-wpex-carousel=\"{&quot;nav&quot;:true,&quot;dots&quot;:false,&quot;autoplay&quot;:false,&quot;loop&quot;:true,&quot;center&quot;:true,&quot;smartSpeed&quot;:120,&quot;items&quot;:3,&quot;slideBy&quot;:3,&quot;autoplayTimeout&quot;:5000,&quot;margin&quot;:5,&quot;itemsTablet&quot;:3,&quot;itemsMobileLandscape&quot;:2,&quot;itemsMobilePortrait&quot;:1,&quot;autoWidth&quot;:false,&quot;autoHeight&quot;:false}\"><div class=\"wpex-carousel-slide\"><div class=\"wpex-carousel-entry-media clr overlay-parent overlay-parent-title-excerpt-hover overlay-ms overlay-h\"><a href=\"https:\/\/www.garciafaura.com\/fr\/portfolio-item\/transformacio-edifici-estel\/\" title=\"R\u00e9novation de l&rsquo;immeuble Estel\" class=\"wpex-carousel-entry-img\"><img decoding=\"async\" data-no-lazy=\"1\" class=\"skip-lazy\" src=\"https:\/\/www.garciafaura.com\/wp-content\/uploads\/2024\/01\/Rehab-edifici-Estel-02-x.jpg\" alt='' data-no-retina \/>\n<div class=\"overlay-title-excerpt-hover overlay-hide theme-overlay textcenter\">\n\t<div class=\"overlay-table clr\">\n\t\t<div class=\"overlay-table-cell clr\">\n\t\t\t<div class=\"overlay-title\">R\u00e9novation de l&rsquo;immeuble Estel<\/div>\n\t\t\t<div class=\"overlay-excerpt\"><p>R\u00e9novation compl\u00e8te de l'immeuble Estel \u00e0 Barcelone. GARCIA FAURA a r\u00e9alis\u00e9 la construction et l'installation&hellip;<\/p><\/div>\t\t<\/div>\n\t<\/div>\n<\/div><\/a><\/div><\/div><div class=\"wpex-carousel-slide\"><div class=\"wpex-carousel-entry-media clr overlay-parent overlay-parent-title-excerpt-hover overlay-ms overlay-h\"><a href=\"https:\/\/www.garciafaura.com\/fr\/portfolio-item\/complex-doficines-nubiola-22\/\" title=\"Complex bureaux Nubiola 22@\" class=\"wpex-carousel-entry-img\"><img decoding=\"async\" data-no-lazy=\"1\" class=\"skip-lazy\" src=\"https:\/\/www.garciafaura.com\/wp-content\/uploads\/2023\/10\/Complex-oficines-22@-01-x.jpg\" alt='' data-no-retina \/>\n<div class=\"overlay-title-excerpt-hover overlay-hide theme-overlay textcenter\">\n\t<div class=\"overlay-table clr\">\n\t\t<div class=\"overlay-table-cell clr\">\n\t\t\t<div class=\"overlay-title\">Complex bureaux Nubiola 22@<\/div>\n\t\t\t<div class=\"overlay-excerpt\"><p>D\u00e9veloppement et ex\u00e9cution des enveloppes, menuiseries et vitrages de l'un des b\u00e2timents du nouveau complexe&hellip;<\/p><\/div>\t\t<\/div>\n\t<\/div>\n<\/div><\/a><\/div><\/div><div class=\"wpex-carousel-slide\"><div class=\"wpex-carousel-entry-media clr overlay-parent overlay-parent-title-excerpt-hover overlay-ms overlay-h\"><a href=\"https:\/\/www.garciafaura.com\/fr\/portfolio-item\/rehabilitacio-oficines-balmes\/\" title=\"R\u00e9novation bureaux rue Balmes\" class=\"wpex-carousel-entry-img\"><img decoding=\"async\" data-no-lazy=\"1\" class=\"skip-lazy\" src=\"https:\/\/www.garciafaura.com\/wp-content\/uploads\/2022\/06\/Oficines-Balmes-89-05-x.jpg\" alt='' data-no-retina \/>\n<div class=\"overlay-title-excerpt-hover overlay-hide theme-overlay textcenter\">\n\t<div class=\"overlay-table clr\">\n\t\t<div class=\"overlay-table-cell clr\">\n\t\t\t<div class=\"overlay-title\">R\u00e9novation bureaux rue Balmes<\/div>\n\t\t\t<div class=\"overlay-excerpt\"><p>R\u00e9novation de la fa\u00e7ade, avec un mur rideau et une solution double peau avec des&hellip;<\/p><\/div>\t\t<\/div>\n\t<\/div>\n<\/div><\/a><\/div><\/div><div class=\"wpex-carousel-slide\"><div class=\"wpex-carousel-entry-media clr overlay-parent overlay-parent-title-excerpt-hover overlay-ms overlay-h\"><a href=\"https:\/\/www.garciafaura.com\/fr\/portfolio-item\/ampliacio-oficines-lidl-montcada\/\" title=\"Agrandissement des bureaux de Lidl\" class=\"wpex-carousel-entry-img\"><img decoding=\"async\" data-no-lazy=\"1\" class=\"skip-lazy\" src=\"https:\/\/www.garciafaura.com\/wp-content\/uploads\/2021\/10\/Oficines-Lidl-Montcada-02-x.jpg\" alt='' data-no-retina \/>\n<div class=\"overlay-title-excerpt-hover overlay-hide theme-overlay textcenter\">\n\t<div class=\"overlay-table clr\">\n\t\t<div class=\"overlay-table-cell clr\">\n\t\t\t<div class=\"overlay-title\">Agrandissement des bureaux de Lidl<\/div>\n\t\t\t<div class=\"overlay-excerpt\"><p>Murs-rideaux, rev\u00eatements de fa\u00e7ade, treillis et fermetures m\u00e9talliques pour le projet d'agrandissement des bureaux de&hellip;<\/p><\/div>\t\t<\/div>\n\t<\/div>\n<\/div><\/a><\/div><\/div><div class=\"wpex-carousel-slide\"><div class=\"wpex-carousel-entry-media clr overlay-parent overlay-parent-title-excerpt-hover overlay-ms overlay-h\"><a href=\"https:\/\/www.garciafaura.com\/fr\/portfolio-item\/complex-doficines-22\/\" title=\"Complexe de bureaux Pallars 180\" class=\"wpex-carousel-entry-img\"><img decoding=\"async\" data-no-lazy=\"1\" class=\"skip-lazy\" src=\"https:\/\/www.garciafaura.com\/wp-content\/uploads\/2021\/10\/Oficines-Pallars-180-22@-01-x.jpg\" alt='' data-no-retina \/>\n<div class=\"overlay-title-excerpt-hover overlay-hide theme-overlay textcenter\">\n\t<div class=\"overlay-table clr\">\n\t\t<div class=\"overlay-table-cell clr\">\n\t\t\t<div class=\"overlay-title\">Complexe de bureaux Pallars 180<\/div>\n\t\t\t<div class=\"overlay-excerpt\"><p>D\u00e9veloppement et ex\u00e9cution de menuiseries et de vitrages pour le complexe de bureaux situ\u00e9 \u00e0&hellip;<\/p><\/div>\t\t<\/div>\n\t<\/div>\n<\/div><\/a><\/div><\/div><div class=\"wpex-carousel-slide\"><div class=\"wpex-carousel-entry-media clr overlay-parent overlay-parent-title-excerpt-hover overlay-ms overlay-h\"><a href=\"https:\/\/www.garciafaura.com\/fr\/portfolio-item\/edificio-de-oficinas-europa-building-lhospitalet\/\" title=\"B\u00e2timent de bureaux Europa Building L&rsquo;H\" class=\"wpex-carousel-entry-img\"><img decoding=\"async\" data-no-lazy=\"1\" class=\"skip-lazy\" src=\"https:\/\/www.garciafaura.com\/wp-content\/uploads\/2021\/07\/Europa-Building-LH-12-x.jpg\" alt=\"Europa Building LH\" data-no-retina \/>\n<div class=\"overlay-title-excerpt-hover overlay-hide theme-overlay textcenter\">\n\t<div class=\"overlay-table clr\">\n\t\t<div class=\"overlay-table-cell clr\">\n\t\t\t<div class=\"overlay-title\">B\u00e2timent de bureaux Europa Building L&rsquo;H<\/div>\n\t\t\t<div class=\"overlay-excerpt\"><p>Am\u00e9nagement de la fa\u00e7ade de ce b\u00e2timent d'entreprise \u00e0 L'Hospitalet (Barcelone).<\/p><\/div>\t\t<\/div>\n\t<\/div>\n<\/div><\/a><\/div><\/div><div class=\"wpex-carousel-slide\"><div class=\"wpex-carousel-entry-media clr overlay-parent overlay-parent-title-excerpt-hover overlay-ms overlay-h\"><a href=\"https:\/\/www.garciafaura.com\/fr\/portfolio-item\/edifici-doficines-diagonal-532\/\" title=\"Immeuble de bureaux Diagonal 530\" class=\"wpex-carousel-entry-img\"><img decoding=\"async\" data-no-lazy=\"1\" class=\"skip-lazy\" src=\"https:\/\/www.garciafaura.com\/wp-content\/uploads\/2021\/05\/Oficines-Diagonal-530-28-x.jpg\" alt='' data-no-retina \/>\n<div class=\"overlay-title-excerpt-hover overlay-hide theme-overlay textcenter\">\n\t<div class=\"overlay-table clr\">\n\t\t<div class=\"overlay-table-cell clr\">\n\t\t\t<div class=\"overlay-title\">Immeuble de bureaux Diagonal 530<\/div>\n\t\t\t<div class=\"overlay-excerpt\"><p>D\u00e9veloppement de la fa\u00e7ade, de la double peau, des enveloppes en aluminium et en verre&hellip;<\/p><\/div>\t\t<\/div>\n\t<\/div>\n<\/div><\/a><\/div><\/div><div class=\"wpex-carousel-slide\"><div class=\"wpex-carousel-entry-media clr overlay-parent overlay-parent-title-excerpt-hover overlay-ms overlay-h\"><a href=\"https:\/\/www.garciafaura.com\/fr\/portfolio-item\/hospital-sjd-pediatric-cancer-center-de-barcelona\/\" title=\"H\u00f4pital SJD Pediatric Cancer Center BCN\" class=\"wpex-carousel-entry-img\"><img decoding=\"async\" data-no-lazy=\"1\" class=\"skip-lazy\" src=\"https:\/\/www.garciafaura.com\/wp-content\/uploads\/2021\/01\/Pediatric-Centre-Sant-Joan-Deu-42-x.jpg\" alt='' data-no-retina \/>\n<div class=\"overlay-title-excerpt-hover overlay-hide theme-overlay textcenter\">\n\t<div class=\"overlay-table clr\">\n\t\t<div class=\"overlay-table-cell clr\">\n\t\t\t<div class=\"overlay-title\">H\u00f4pital SJD Pediatric Cancer Center BCN<\/div>\n\t\t\t<div class=\"overlay-excerpt\"><p>Murs-rideaux, fermetures, vitrages et travaux m\u00e9talliques sur la fa\u00e7ade du nouvel h\u00f4pital p\u00e9diatrique Sant Joan&hellip;<\/p><\/div>\t\t<\/div>\n\t<\/div>\n<\/div><\/a><\/div><\/div><div class=\"wpex-carousel-slide\"><div class=\"wpex-carousel-entry-media clr overlay-parent overlay-parent-title-excerpt-hover overlay-ms overlay-h\"><a href=\"https:\/\/www.garciafaura.com\/fr\/portfolio-item\/complejo-selva-de-mar\/\" title=\"Complexe Selva de Mar\" class=\"wpex-carousel-entry-img\"><img decoding=\"async\" data-no-lazy=\"1\" class=\"skip-lazy\" src=\"https:\/\/www.garciafaura.com\/wp-content\/uploads\/2021\/01\/Complex-Selva-de-Mar-amb-solete-01-x.jpg\" alt='' data-no-retina \/>\n<div class=\"overlay-title-excerpt-hover overlay-hide theme-overlay textcenter\">\n\t<div class=\"overlay-table clr\">\n\t\t<div class=\"overlay-table-cell clr\">\n\t\t\t<div class=\"overlay-title\">Complexe Selva de Mar<\/div>\n\t\t\t<div class=\"overlay-excerpt\"><p>Le projet Selva de Mar se compose d\u2019un ensemble de quatre b\u00e2timents avec des tours&hellip;<\/p><\/div>\t\t<\/div>\n\t<\/div>\n<\/div><\/a><\/div><\/div><div class=\"wpex-carousel-slide\"><div class=\"wpex-carousel-entry-media clr overlay-parent overlay-parent-title-excerpt-hover overlay-ms overlay-h\"><a href=\"https:\/\/www.garciafaura.com\/fr\/portfolio-item\/elargissement-bureaux-placa-europa\/\" title=\"Elargissement Bureaux Place Europa\" class=\"wpex-carousel-entry-img\"><img decoding=\"async\" data-no-lazy=\"1\" class=\"skip-lazy\" src=\"https:\/\/www.garciafaura.com\/wp-content\/uploads\/2019\/09\/Ampliacio\u0301-Oficines-Plac\u0327a-Europa-01-x.jpg\" alt='' data-no-retina \/>\n<div class=\"overlay-title-excerpt-hover overlay-hide theme-overlay textcenter\">\n\t<div class=\"overlay-table clr\">\n\t\t<div class=\"overlay-table-cell clr\">\n\t\t\t<div class=\"overlay-title\">Elargissement Bureaux Place Europa<\/div>\n\t\t\t<div class=\"overlay-excerpt\"><p>Fabrication et installation de fa\u00e7ades modulaires et de fermetures pour l'extension d'un immeuble de bureaux&hellip;<\/p><\/div>\t\t<\/div>\n\t<\/div>\n<\/div><\/a><\/div><\/div><div class=\"wpex-carousel-slide\"><div class=\"wpex-carousel-entry-media clr overlay-parent overlay-parent-title-excerpt-hover overlay-ms overlay-h\"><a href=\"https:\/\/www.garciafaura.com\/fr\/portfolio-item\/bureaux-sancho-de-avila-65\/\" title=\"Bureaux Sancho de \u00c1vila 65\" class=\"wpex-carousel-entry-img\"><img decoding=\"async\" data-no-lazy=\"1\" class=\"skip-lazy\" src=\"https:\/\/www.garciafaura.com\/wp-content\/uploads\/2019\/04\/Oficines-Sancho-de-A\u0301vila-65-03-x.jpg\" alt='' data-no-retina \/>\n<div class=\"overlay-title-excerpt-hover overlay-hide theme-overlay textcenter\">\n\t<div class=\"overlay-table clr\">\n\t\t<div class=\"overlay-table-cell clr\">\n\t\t\t<div class=\"overlay-title\">Bureaux Sancho de \u00c1vila 65<\/div>\n\t\t\t<div class=\"overlay-excerpt\"><p>Fermetures en aluminium et stores r\u00e9tractables \u00e0 lattes r\u00e9glables.<\/p><\/div>\t\t<\/div>\n\t<\/div>\n<\/div><\/a><\/div><\/div><div class=\"wpex-carousel-slide\"><div class=\"wpex-carousel-entry-media clr overlay-parent overlay-parent-title-excerpt-hover overlay-ms overlay-h\"><a href=\"https:\/\/www.garciafaura.com\/fr\/portfolio-item\/bureaux-balmes\/\" title=\"Bureaux Balmes\" class=\"wpex-carousel-entry-img\"><img decoding=\"async\" data-no-lazy=\"1\" class=\"skip-lazy\" src=\"https:\/\/www.garciafaura.com\/wp-content\/uploads\/2018\/10\/Oficines-Balmes-04-x.jpg\" alt=\"Fa\u00e7ade De Mur-rideau Avec Profil\u00e9s M\u00e9talliques Et Modules En Aluminium Et Verre De Forme Cubique\" data-no-retina \/>\n<div class=\"overlay-title-excerpt-hover overlay-hide theme-overlay textcenter\">\n\t<div class=\"overlay-table clr\">\n\t\t<div class=\"overlay-table-cell clr\">\n\t\t\t<div class=\"overlay-title\">Bureaux Balmes<\/div>\n\t\t\t<div class=\"overlay-excerpt\"><p>Barcelone. Ann\u00e9e d'ach\u00e8vement : 2015 Surface d'intervention : Fermetures : 325 m\u00b2| Mur-rideau : 340&hellip;<\/p><\/div>\t\t<\/div>\n\t<\/div>\n<\/div><\/a><\/div><\/div><div class=\"wpex-carousel-slide\"><div class=\"wpex-carousel-entry-media clr overlay-parent overlay-parent-title-excerpt-hover overlay-ms overlay-h\"><a href=\"https:\/\/www.garciafaura.com\/fr\/portfolio-item\/concessionnaire-renault-dacia\/\" title=\"Concessionnaire Renault Dacia\" class=\"wpex-carousel-entry-img\"><img decoding=\"async\" data-no-lazy=\"1\" class=\"skip-lazy\" src=\"https:\/\/www.garciafaura.com\/wp-content\/uploads\/2018\/10\/Concessionari-Renault-Esplugues-07-x.jpg\" alt=\"Nouvelle Fa\u00e7ade En Aluminium Perfor\u00e9 Et Mur-rideau\" data-no-retina \/>\n<div class=\"overlay-title-excerpt-hover overlay-hide theme-overlay textcenter\">\n\t<div class=\"overlay-table clr\">\n\t\t<div class=\"overlay-table-cell clr\">\n\t\t\t<div class=\"overlay-title\">Concessionnaire Renault Dacia<\/div>\n\t\t\t<div class=\"overlay-excerpt\"><p>Esplugues de Llobregat. Ann\u00e9e d'ach\u00e8vement : 2016 Surface d'intervention : Rev\u00eatement en t\u00f4le d'aluminium :&hellip;<\/p><\/div>\t\t<\/div>\n\t<\/div>\n<\/div><\/a><\/div><\/div><div class=\"wpex-carousel-slide\"><div class=\"wpex-carousel-entry-media clr overlay-parent overlay-parent-title-excerpt-hover overlay-ms overlay-h\"><a href=\"https:\/\/www.garciafaura.com\/fr\/portfolio-item\/bureaux-diagonal-191\/\" title=\"Bureaux Diagonal 191\" class=\"wpex-carousel-entry-img\"><img decoding=\"async\" data-no-lazy=\"1\" class=\"skip-lazy\" src=\"https:\/\/www.garciafaura.com\/wp-content\/uploads\/2018\/10\/Oficines-Diagonal-191-03-x.jpg\" alt=\"Fabrication Et Installation De L'ensemble De Fa\u00e7ade Modulaire.\" data-no-retina \/>\n<div class=\"overlay-title-excerpt-hover overlay-hide theme-overlay textcenter\">\n\t<div class=\"overlay-table clr\">\n\t\t<div class=\"overlay-table-cell clr\">\n\t\t\t<div class=\"overlay-title\">Bureaux Diagonal 191<\/div>\n\t\t\t<div class=\"overlay-excerpt\"><p>Barcelone. Ann\u00e9e d'ach\u00e8vement : 2016 Architecte : GCA Arquitectes Surface d'intervention : Fa\u00e7ade modulaire :&hellip;<\/p><\/div>\t\t<\/div>\n\t<\/div>\n<\/div><\/a><\/div><\/div><div class=\"wpex-carousel-slide\"><div class=\"wpex-carousel-entry-media clr overlay-parent overlay-parent-title-excerpt-hover overlay-ms overlay-h\"><a href=\"https:\/\/www.garciafaura.com\/fr\/portfolio-item\/ofi7-centre-daffaires\/\" title=\"OFI7 Centre d&rsquo;Affaires\" class=\"wpex-carousel-entry-img\"><img decoding=\"async\" data-no-lazy=\"1\" class=\"skip-lazy\" src=\"https:\/\/www.garciafaura.com\/wp-content\/uploads\/2018\/10\/Colombia-OFI7-09-x.jpg\" alt=\"Fermetures En Aluminium \u00e0 Haute Performance Avec Murs-rideaux Et Fa\u00e7ades Vitr\u00e9es.\" data-no-retina \/>\n<div class=\"overlay-title-excerpt-hover overlay-hide theme-overlay textcenter\">\n\t<div class=\"overlay-table clr\">\n\t\t<div class=\"overlay-table-cell clr\">\n\t\t\t<div class=\"overlay-title\">OFI7 Centre d&rsquo;Affaires<\/div>\n\t\t\t<div class=\"overlay-excerpt\"><p>Medellin (Colombie). Ann\u00e9e d'ach\u00e8vement : 2017 Architecte : Rodrigo Fajardo Surface d'intervention : Fa\u00e7ade en&hellip;<\/p><\/div>\t\t<\/div>\n\t<\/div>\n<\/div><\/a><\/div><\/div><div class=\"wpex-carousel-slide\"><div class=\"wpex-carousel-entry-media clr overlay-parent overlay-parent-title-excerpt-hover overlay-ms overlay-h\"><a href=\"https:\/\/www.garciafaura.com\/fr\/portfolio-item\/torre-4-porta-firal\/\" title=\"Torre 4 Porta Firal\" class=\"wpex-carousel-entry-img\"><img decoding=\"async\" data-no-lazy=\"1\" class=\"skip-lazy\" src=\"https:\/\/www.garciafaura.com\/wp-content\/uploads\/2018\/10\/Torre-4-Porta-Firal-01-x.jpg\" alt=\"Ensemble De Fa\u00e7ades Et Fermetures Pour Nouveau B\u00e2timent Corporatif\" data-no-retina \/>\n<div class=\"overlay-title-excerpt-hover overlay-hide theme-overlay textcenter\">\n\t<div class=\"overlay-table clr\">\n\t\t<div class=\"overlay-table-cell clr\">\n\t\t\t<div class=\"overlay-title\">Torre 4 Porta Firal<\/div>\n\t\t\t<div class=\"overlay-excerpt\"><p>Barcelone. Ann\u00e9e d'ach\u00e8vement : 2017 Architecte : \u00d2scar Tusquets Surface d'intervention : Mur-rideau : 1800&hellip;<\/p><\/div>\t\t<\/div>\n\t<\/div>\n<\/div><\/a><\/div><\/div><div class=\"wpex-carousel-slide\"><div class=\"wpex-carousel-entry-media clr overlay-parent overlay-parent-title-excerpt-hover overlay-ms overlay-h\"><a href=\"https:\/\/www.garciafaura.com\/fr\/portfolio-item\/centre-logistique-amazon\/\" title=\"Centre Logistique Amazon\" class=\"wpex-carousel-entry-img\"><img decoding=\"async\" data-no-lazy=\"1\" class=\"skip-lazy\" src=\"https:\/\/www.garciafaura.com\/wp-content\/uploads\/2018\/09\/Nau-Amazon-El-Prat-01-x.jpg\" alt=\"Plus De 1100 Fermetures Pour Les Nouvelles Installations \u00e0 El Prat\" data-no-retina \/>\n<div class=\"overlay-title-excerpt-hover overlay-hide theme-overlay textcenter\">\n\t<div class=\"overlay-table clr\">\n\t\t<div class=\"overlay-table-cell clr\">\n\t\t\t<div class=\"overlay-title\">Centre Logistique Amazon<\/div>\n\t\t\t<div class=\"overlay-excerpt\"><p>El Prat de Llobregat. Ann\u00e9e d'ach\u00e8vement : 2017 Architecte : Idom Surface d'intervention : Fen\u00eatres&hellip;<\/p><\/div>\t\t<\/div>\n\t<\/div>\n<\/div><\/a><\/div><\/div><div class=\"wpex-carousel-slide\"><div class=\"wpex-carousel-entry-media clr overlay-parent overlay-parent-title-excerpt-hover overlay-ms overlay-h\"><a href=\"https:\/\/www.garciafaura.com\/fr\/portfolio-item\/boulevard-grenelle\/\" title=\"Boulevard Grenelle\" class=\"wpex-carousel-entry-img\"><img loading=\"lazy\" decoding=\"async\" data-no-lazy=\"1\" class=\"skip-lazy\" src=\"https:\/\/www.garciafaura.com\/wp-content\/uploads\/2019\/04\/02-Oficines-Boulevard-Grenelle-FotoSimonGarcia_arqfoto-1200x628.jpg\" alt='' data-no-retina width=\"1200\" height=\"628\" \/>\n<div class=\"overlay-title-excerpt-hover overlay-hide theme-overlay textcenter\">\n\t<div class=\"overlay-table clr\">\n\t\t<div class=\"overlay-table-cell clr\">\n\t\t\t<div class=\"overlay-title\">Boulevard Grenelle<\/div>\n\t\t\t<div class=\"overlay-excerpt\"><p>R\u00e9habilitations du\u00a0l\u2019immeuble situ\u00e9 au num\u00e9ro 123 du\u00a0boulevard Grenelle. Il s\u2019agit d\u2019un immeuble de bureaux o\u00f9&hellip;<\/p><\/div>\t\t<\/div>\n\t<\/div>\n<\/div><\/a><\/div><\/div><div class=\"wpex-carousel-slide\"><div class=\"wpex-carousel-entry-media clr overlay-parent overlay-parent-title-excerpt-hover overlay-ms overlay-h\"><a href=\"https:\/\/www.garciafaura.com\/fr\/portfolio-item\/boulevard-hausmann\/\" title=\"R\u00e9habilitation Bulevard Haussmann\" class=\"wpex-carousel-entry-img\"><img loading=\"lazy\" decoding=\"async\" data-no-lazy=\"1\" class=\"skip-lazy\" src=\"https:\/\/www.garciafaura.com\/wp-content\/uploads\/2019\/04\/01-BoulevardHaussmann-FotoSimonGarcia_arqfoto-1200x628.jpg\" alt='' data-no-retina width=\"1200\" height=\"628\" \/>\n<div class=\"overlay-title-excerpt-hover overlay-hide theme-overlay textcenter\">\n\t<div class=\"overlay-table clr\">\n\t\t<div class=\"overlay-table-cell clr\">\n\t\t\t<div class=\"overlay-title\">R\u00e9habilitation Bulevard Haussmann<\/div>\n\t\t\t<div class=\"overlay-excerpt\"><p>Fermetures\u00a0de fa\u00e7ades ext\u00e9rieures et int\u00e9rieures pour la r\u00e9habilitation de cet immeuble de style classique au&hellip;<\/p><\/div>\t\t<\/div>\n\t<\/div>\n<\/div><\/a><\/div><\/div><\/div>[\/vc_column][vc_column width=\u00a0\u00bb1\/6&Prime;]<div class=\"vcex-module vcex-teaser vcex-teaser-one vc_custom_1543338298770\"><div class=\"vcex-teaser-content clr\"><h1 class=\"vcex-teaser-heading\">B\u00e2timents corporatifs<\/h1><div class=\"vcex-teaser-text clr\"><p><span style=\"font-family: 'Open Sans'\"><strong>GARCIA FAURA<\/strong> dispose de solutions techniques adapt\u00e9es \u00e0 toutes sortes de besoins et qui allient apparence esth\u00e9tique et fonctionnalit\u00e9.<\/span><\/p>\n<\/div><\/div><\/div><div class=\"vc_custom_1543345894426 wpex-clr\"><div class=\"textcenter theme-button-expanded-wrap theme-button-wrap clr\"><a href=\"https:\/\/www.garciafaura.com\/edificis-corporatius-garcia-faura\/\" title=\"Projectes Edificis Corporatius Garcia Faura\" class=\"vcex-button theme-button minimal-border small align-center expanded animate-on-hover expanded\" data-wpex-hover='{&quot;background&quot;:&quot;#d7515e&quot;,&quot;color&quot;:&quot;#000000&quot;}'><span class=\"theme-button-inner\">+ Projets GARCIA FAURA<\/span><\/a><\/div><\/div> [\/vc_column][\/vc_row][vc_row full_width=\u00a0\u00bbstretch_row_content\u00a0\u00bb typography_style=\u00a0\u00bbwhite\u00a0\u00bb css=\u00a0\u00bb.vc_custom_1543336958370{margin-right: 30px !important;margin-left: 15px !important;background-color: #000000 !important;background-position: center !important;background-repeat: no-repeat !important;background-size: cover !important;}\u00a0\u00bb][vc_column width=\u00a0\u00bb1\/6&Prime; css=\u00a0\u00bb.vc_custom_1543335477433{margin-left: 30px !important;}\u00a0\u00bb]<div class=\"vcex-module vcex-teaser vcex-teaser-one vc_custom_1543345252493\"><div class=\"vcex-teaser-content clr\"><h1 class=\"vcex-teaser-heading\" style=\"font-weight:600;\">Ensembles r\u00e9sidentiels<\/h1><div class=\"vcex-teaser-text clr\"><p><span style=\"font-family: 'Open Sans'\"><strong>GARCIA FAURA<\/strong> dispose d\u2019une exp\u00e9rience de plusieurs d\u00e9cennies dans la construction d\u2019ensembles r\u00e9sidentiels. Fermetures en aluminium et verre \u00e0 hautes performances techniques et acoustiques.<\/span><\/p>\n<\/div><\/div><\/div><div class=\"vc_custom_1543345828175 wpex-clr\"><div class=\"textcenter theme-button-expanded-wrap theme-button-wrap clr\"><a href=\"https:\/\/www.garciafaura.com\/conjunts-residencials-garcia-faura\/\" title=\"Tancaments i vidre conjunts residencials GARCIA FAURA\" class=\"vcex-button theme-button minimal-border small align-center expanded animate-on-hover expanded\" data-wpex-hover='{&quot;background&quot;:&quot;#d7515e&quot;,&quot;color&quot;:&quot;#000000&quot;}'><span class=\"theme-button-inner\">+ Projets GARCIA FAURA<\/span><\/a><\/div><\/div> [\/vc_column][vc_column width=\u00a0\u00bb5\/6&Prime;]<div class=\"vcex-spacing\" style=\"height:30px\"><\/div><div class=\"vcex-module wpex-carousel wpex-carousel-portfolio clr owl-carousel arrwstyle-min arrwpos-center\" data-wpex-carousel=\"{&quot;nav&quot;:true,&quot;dots&quot;:false,&quot;autoplay&quot;:false,&quot;loop&quot;:true,&quot;center&quot;:true,&quot;smartSpeed&quot;:160,&quot;items&quot;:3,&quot;slideBy&quot;:3,&quot;autoplayTimeout&quot;:5000,&quot;margin&quot;:5,&quot;itemsTablet&quot;:3,&quot;itemsMobileLandscape&quot;:2,&quot;itemsMobilePortrait&quot;:1,&quot;autoWidth&quot;:false,&quot;autoHeight&quot;:false}\"><div class=\"wpex-carousel-slide\"><div class=\"wpex-carousel-entry-media clr overlay-parent overlay-parent-title-excerpt-hover overlay-ms overlay-h\"><a href=\"https:\/\/www.garciafaura.com\/fr\/portfolio-item\/promocio-central-park-llevant\/\" title=\"Promotion Central Park Llevant\" class=\"wpex-carousel-entry-img\"><img decoding=\"async\" data-no-lazy=\"1\" class=\"skip-lazy\" src=\"https:\/\/www.garciafaura.com\/wp-content\/uploads\/2024\/04\/100-Habitatges-Viladecans-7-x.jpg\" alt='' data-no-retina \/>\n<div class=\"overlay-title-excerpt-hover overlay-hide theme-overlay textcenter\">\n\t<div class=\"overlay-table clr\">\n\t\t<div class=\"overlay-table-cell clr\">\n\t\t\t<div class=\"overlay-title\">Promotion Central Park Llevant<\/div>\n\t\t\t<div class=\"overlay-excerpt\"><p>Fermetures en aluminium et en verre pour le d\u00e9veloppement de cent logements dans le secteur&hellip;<\/p><\/div>\t\t<\/div>\n\t<\/div>\n<\/div><\/a><\/div><\/div><div class=\"wpex-carousel-slide\"><div class=\"wpex-carousel-entry-media clr overlay-parent overlay-parent-title-excerpt-hover overlay-ms overlay-h\"><a href=\"https:\/\/www.garciafaura.com\/fr\/portfolio-item\/torre-antares\/\" title=\"Tour Antares\" class=\"wpex-carousel-entry-img\"><img decoding=\"async\" data-no-lazy=\"1\" class=\"skip-lazy\" src=\"https:\/\/www.garciafaura.com\/wp-content\/uploads\/2024\/02\/Torre-Antares-01-x.jpg\" alt='' data-no-retina \/>\n<div class=\"overlay-title-excerpt-hover overlay-hide theme-overlay textcenter\">\n\t<div class=\"overlay-table clr\">\n\t\t<div class=\"overlay-table-cell clr\">\n\t\t\t<div class=\"overlay-title\">Tour Antares<\/div>\n\t\t\t<div class=\"overlay-excerpt\"><p>Ex\u00e9cution de l'enveloppe de ce complexe r\u00e9sidentiel de 26 \u00e9tages, con\u00e7u par le studio d'architecture&hellip;<\/p><\/div>\t\t<\/div>\n\t<\/div>\n<\/div><\/a><\/div><\/div><div class=\"wpex-carousel-slide\"><div class=\"wpex-carousel-entry-media clr overlay-parent overlay-parent-title-excerpt-hover overlay-ms overlay-h\"><a href=\"https:\/\/www.garciafaura.com\/fr\/portfolio-item\/residencial-blue-badalona\/\" title=\"R\u00e9sidentiel Blue Badalona\" class=\"wpex-carousel-entry-img\"><img decoding=\"async\" data-no-lazy=\"1\" class=\"skip-lazy\" src=\"https:\/\/www.garciafaura.com\/wp-content\/uploads\/2023\/02\/Residencial-Blue-Badalona-09-x.jpg\" alt='' data-no-retina \/>\n<div class=\"overlay-title-excerpt-hover overlay-hide theme-overlay textcenter\">\n\t<div class=\"overlay-table clr\">\n\t\t<div class=\"overlay-table-cell clr\">\n\t\t\t<div class=\"overlay-title\">R\u00e9sidentiel Blue Badalona<\/div>\n\t\t\t<div class=\"overlay-excerpt\"><p>Fermetures en aluminium et en verre pour un ensemble r\u00e9sidentiel de 148 logements dans le&hellip;<\/p><\/div>\t\t<\/div>\n\t<\/div>\n<\/div><\/a><\/div><\/div><div class=\"wpex-carousel-slide\"><div class=\"wpex-carousel-entry-media clr overlay-parent overlay-parent-title-excerpt-hover overlay-ms overlay-h\"><a href=\"https:\/\/www.garciafaura.com\/fr\/portfolio-item\/promocio-cosme-toda\/\" title=\"Promotion Cosme Toda\" class=\"wpex-carousel-entry-img\"><img decoding=\"async\" data-no-lazy=\"1\" class=\"skip-lazy\" src=\"https:\/\/www.garciafaura.com\/wp-content\/uploads\/2022\/02\/Cosme-Toda-31-x.jpg\" alt='' data-no-retina \/>\n<div class=\"overlay-title-excerpt-hover overlay-hide theme-overlay textcenter\">\n\t<div class=\"overlay-table clr\">\n\t\t<div class=\"overlay-table-cell clr\">\n\t\t\t<div class=\"overlay-title\">Promotion Cosme Toda<\/div>\n\t\t\t<div class=\"overlay-excerpt\"><p>Fermetures pour les 367 logements pr\u00e9vus sur le terrain de l'ancienne usine Cosme Toda \u00e0&hellip;<\/p><\/div>\t\t<\/div>\n\t<\/div>\n<\/div><\/a><\/div><\/div><div class=\"wpex-carousel-slide\"><div class=\"wpex-carousel-entry-media clr overlay-parent overlay-parent-title-excerpt-hover overlay-ms overlay-h\"><a href=\"https:\/\/www.garciafaura.com\/fr\/portfolio-item\/residencial-voramar\/\" title=\"R\u00e9sidentiel Voramar\" class=\"wpex-carousel-entry-img\"><img decoding=\"async\" data-no-lazy=\"1\" class=\"skip-lazy\" src=\"https:\/\/www.garciafaura.com\/wp-content\/uploads\/2021\/10\/Voramar-Badalona-01-x.jpg\" alt='' data-no-retina \/>\n<div class=\"overlay-title-excerpt-hover overlay-hide theme-overlay textcenter\">\n\t<div class=\"overlay-table clr\">\n\t\t<div class=\"overlay-table-cell clr\">\n\t\t\t<div class=\"overlay-title\">R\u00e9sidentiel Voramar<\/div>\n\t\t\t<div class=\"overlay-excerpt\"><p>Fermetures en aluminium pour un complexe r\u00e9sidentiel de 90 appartements et des locaux commerciaux \u00e0&hellip;<\/p><\/div>\t\t<\/div>\n\t<\/div>\n<\/div><\/a><\/div><\/div><div class=\"wpex-carousel-slide\"><div class=\"wpex-carousel-entry-media clr overlay-parent overlay-parent-title-excerpt-hover overlay-ms overlay-h\"><a href=\"https:\/\/www.garciafaura.com\/fr\/portfolio-item\/apartaments-tembo-suites\/\" title=\"Appartaments Tembo Suites\" class=\"wpex-carousel-entry-img\"><img decoding=\"async\" data-no-lazy=\"1\" class=\"skip-lazy\" src=\"https:\/\/www.garciafaura.com\/wp-content\/uploads\/2021\/10\/Tembo-suites-Barcelona-51-x.jpg\" alt='' data-no-retina \/>\n<div class=\"overlay-title-excerpt-hover overlay-hide theme-overlay textcenter\">\n\t<div class=\"overlay-table clr\">\n\t\t<div class=\"overlay-table-cell clr\">\n\t\t\t<div class=\"overlay-title\">Appartaments Tembo Suites<\/div>\n\t\t\t<div class=\"overlay-excerpt\"><p>D\u00e9veloppement de murs rideaux (1 000 m\u00b2) et de fermetures aluminium (600 logements) pour les&hellip;<\/p><\/div>\t\t<\/div>\n\t<\/div>\n<\/div><\/a><\/div><\/div><div class=\"wpex-carousel-slide\"><div class=\"wpex-carousel-entry-media clr overlay-parent overlay-parent-title-excerpt-hover overlay-ms overlay-h\"><a href=\"https:\/\/www.garciafaura.com\/fr\/portfolio-item\/residencia-destudiants-valeo-22\/\" title=\"R\u00e9sidence \u00e9tudiante Valeo 22@\" class=\"wpex-carousel-entry-img\"><img decoding=\"async\" data-no-lazy=\"1\" class=\"skip-lazy\" src=\"https:\/\/www.garciafaura.com\/wp-content\/uploads\/2021\/10\/Residencia-Valeo-13-x.jpg\" alt='' data-no-retina \/>\n<div class=\"overlay-title-excerpt-hover overlay-hide theme-overlay textcenter\">\n\t<div class=\"overlay-table clr\">\n\t\t<div class=\"overlay-table-cell clr\">\n\t\t\t<div class=\"overlay-title\">R\u00e9sidence \u00e9tudiante Valeo 22@<\/div>\n\t\t\t<div class=\"overlay-excerpt\"><p>Fabrication et installation de 600 fermetures en aluminium et verre pour la r\u00e9sidence d'\u00e9tudiants nouvellement&hellip;<\/p><\/div>\t\t<\/div>\n\t<\/div>\n<\/div><\/a><\/div><\/div><div class=\"wpex-carousel-slide\"><div class=\"wpex-carousel-entry-media clr overlay-parent overlay-parent-title-excerpt-hover overlay-ms overlay-h\"><a href=\"https:\/\/www.garciafaura.com\/fr\/portfolio-item\/residencial-the-kube\/\" title=\"B\u00e2timent r\u00e9sidentiel The Kube\" class=\"wpex-carousel-entry-img\"><img decoding=\"async\" data-no-lazy=\"1\" class=\"skip-lazy\" src=\"https:\/\/www.garciafaura.com\/wp-content\/uploads\/2021\/06\/Kube-Tarragona-20-x.jpg\" alt='' data-no-retina \/>\n<div class=\"overlay-title-excerpt-hover overlay-hide theme-overlay textcenter\">\n\t<div class=\"overlay-table clr\">\n\t\t<div class=\"overlay-table-cell clr\">\n\t\t\t<div class=\"overlay-title\">B\u00e2timent r\u00e9sidentiel The Kube<\/div>\n\t\t\t<div class=\"overlay-excerpt\"><p>Fabrication et installation de 6.500 m\u00e8tres carr\u00e9s de fermetures en aluminium, ouverture coulissante et vantail&hellip;<\/p><\/div>\t\t<\/div>\n\t<\/div>\n<\/div><\/a><\/div><\/div><div class=\"wpex-carousel-slide\"><div class=\"wpex-carousel-entry-media clr overlay-parent overlay-parent-title-excerpt-hover overlay-ms overlay-h\"><a href=\"https:\/\/www.garciafaura.com\/fr\/portfolio-item\/promotion-rue-estronci\/\" title=\"Promotion rue Estronci\" class=\"wpex-carousel-entry-img\"><img decoding=\"async\" data-no-lazy=\"1\" class=\"skip-lazy\" src=\"https:\/\/www.garciafaura.com\/wp-content\/uploads\/2019\/10\/13080-01-x.jpg\" alt=\"D\u00e9veloppement De Fa\u00e7ades Et De Fermetures En Aluminium Pour Une Tour De 55 Maisons Neuves \u00e0 L'Hospitalet De Llobregat (Barcelone).\" data-no-retina \/>\n<div class=\"overlay-title-excerpt-hover overlay-hide theme-overlay textcenter\">\n\t<div class=\"overlay-table clr\">\n\t\t<div class=\"overlay-table-cell clr\">\n\t\t\t<div class=\"overlay-title\">Promotion rue Estronci<\/div>\n\t\t\t<div class=\"overlay-excerpt\"><p>D\u00e9veloppement de fa\u00e7ades et de fermetures en aluminium pour une tour de 55 maisons neuves&hellip;<\/p><\/div>\t\t<\/div>\n\t<\/div>\n<\/div><\/a><\/div><\/div><div class=\"wpex-carousel-slide\"><div class=\"wpex-carousel-entry-media clr overlay-parent overlay-parent-title-excerpt-hover overlay-ms overlay-h\"><a href=\"https:\/\/www.garciafaura.com\/fr\/portfolio-item\/residentiel-volpelleres\/\" title=\"R\u00e9sidentiel Volpelleres\" class=\"wpex-carousel-entry-img\"><img decoding=\"async\" data-no-lazy=\"1\" class=\"skip-lazy\" src=\"https:\/\/www.garciafaura.com\/wp-content\/uploads\/2019\/09\/Residencial-Volpelleres-01-x.jpg\" alt=\"Fermetures En Aluminium Et Verre De Hautes Caract\u00e9ristiques Techniques Pour Complexes R\u00e9sidentiels \u00e0 Sant Cugat Del Vall\u00e8s (Barcelone)\" data-no-retina \/>\n<div class=\"overlay-title-excerpt-hover overlay-hide theme-overlay textcenter\">\n\t<div class=\"overlay-table clr\">\n\t\t<div class=\"overlay-table-cell clr\">\n\t\t\t<div class=\"overlay-title\">R\u00e9sidentiel Volpelleres<\/div>\n\t\t\t<div class=\"overlay-excerpt\"><p>Fermetures en aluminium et verre de hautes caract\u00e9ristiques techniques pour complexes r\u00e9sidentiels \u00e0 Sant Cugat&hellip;<\/p><\/div>\t\t<\/div>\n\t<\/div>\n<\/div><\/a><\/div><\/div><div class=\"wpex-carousel-slide\"><div class=\"wpex-carousel-entry-media clr overlay-parent overlay-parent-title-excerpt-hover overlay-ms overlay-h\"><a href=\"https:\/\/www.garciafaura.com\/fr\/portfolio-item\/torre-vitrvm\/\" title=\"Tour Vitrvm\" class=\"wpex-carousel-entry-img\"><img decoding=\"async\" data-no-lazy=\"1\" class=\"skip-lazy\" src=\"https:\/\/www.garciafaura.com\/wp-content\/uploads\/2019\/09\/Torre-Vitrvm-01-x.jpg\" alt='' data-no-retina \/>\n<div class=\"overlay-title-excerpt-hover overlay-hide theme-overlay textcenter\">\n\t<div class=\"overlay-table clr\">\n\t\t<div class=\"overlay-table-cell clr\">\n\t\t\t<div class=\"overlay-title\">Tour Vitrvm<\/div>\n\t\t\t<div class=\"overlay-excerpt\"><p>Bogot\u00e1. Ann\u00e9e de fin de travaux: 2018 Architecte: Richard Meier Champ d'intervention: Mur-rideau: 6.890 m\u00b2|&hellip;<\/p><\/div>\t\t<\/div>\n\t<\/div>\n<\/div><\/a><\/div><\/div><div class=\"wpex-carousel-slide\"><div class=\"wpex-carousel-entry-media clr overlay-parent overlay-parent-title-excerpt-hover overlay-ms overlay-h\"><a href=\"https:\/\/www.garciafaura.com\/fr\/portfolio-item\/residentiel-can-trabal\/\" title=\"R\u00e9sidentiel Can Trabal\" class=\"wpex-carousel-entry-img\"><img decoding=\"async\" data-no-lazy=\"1\" class=\"skip-lazy\" src=\"https:\/\/www.garciafaura.com\/wp-content\/uploads\/2019\/09\/Can-Trabal-01-x.jpg\" alt=\"Resid\u00e8ncia Can Trabal\" data-no-retina \/>\n<div class=\"overlay-title-excerpt-hover overlay-hide theme-overlay textcenter\">\n\t<div class=\"overlay-table clr\">\n\t\t<div class=\"overlay-table-cell clr\">\n\t\t\t<div class=\"overlay-title\">R\u00e9sidentiel Can Trabal<\/div>\n\t\t\t<div class=\"overlay-excerpt\"><p>Fermetures en aluminium pour complexes de logements exclusifs dans le nouveau quartier r\u00e9sidentiel de Sant&hellip;<\/p><\/div>\t\t<\/div>\n\t<\/div>\n<\/div><\/a><\/div><\/div><div class=\"wpex-carousel-slide\"><div class=\"wpex-carousel-entry-media clr overlay-parent overlay-parent-title-excerpt-hover overlay-ms overlay-h\"><a href=\"https:\/\/www.garciafaura.com\/fr\/portfolio-item\/residentiel-unic-badalona\/\" title=\"R\u00e9sidentiel \u00danic Badalona\" class=\"wpex-carousel-entry-img\"><img decoding=\"async\" data-no-lazy=\"1\" class=\"skip-lazy\" src=\"https:\/\/www.garciafaura.com\/wp-content\/uploads\/2019\/09\/Residencial-U\u0301nic-Badalona-01-x.jpg\" alt='' data-no-retina \/>\n<div class=\"overlay-title-excerpt-hover overlay-hide theme-overlay textcenter\">\n\t<div class=\"overlay-table clr\">\n\t\t<div class=\"overlay-table-cell clr\">\n\t\t\t<div class=\"overlay-title\">R\u00e9sidentiel \u00danic Badalona<\/div>\n\t\t\t<div class=\"overlay-excerpt\"><p>Fabrication et installation de fermetures pour la promotion de 106 logements situ\u00e9s dans le nouveau&hellip;<\/p><\/div>\t\t<\/div>\n\t<\/div>\n<\/div><\/a><\/div><\/div><div class=\"wpex-carousel-slide\"><div class=\"wpex-carousel-entry-media clr overlay-parent overlay-parent-title-excerpt-hover overlay-ms overlay-h\"><a href=\"https:\/\/www.garciafaura.com\/fr\/portfolio-item\/promotion-kronos-badalona\/\" title=\"Promotion Kronos Badalona\" class=\"wpex-carousel-entry-img\"><img decoding=\"async\" data-no-lazy=\"1\" class=\"skip-lazy\" src=\"https:\/\/www.garciafaura.com\/wp-content\/uploads\/2019\/07\/1-x.jpg\" alt='' data-no-retina \/>\n<div class=\"overlay-title-excerpt-hover overlay-hide theme-overlay textcenter\">\n\t<div class=\"overlay-table clr\">\n\t\t<div class=\"overlay-table-cell clr\">\n\t\t\t<div class=\"overlay-title\">Promotion Kronos Badalona<\/div>\n\t\t\t<div class=\"overlay-excerpt\"><p>Fermetures en aluminium et en verre pour 252 maisons dans le Port de Badalona<\/p><\/div>\t\t<\/div>\n\t<\/div>\n<\/div><\/a><\/div><\/div><div class=\"wpex-carousel-slide\"><div class=\"wpex-carousel-entry-media clr overlay-parent overlay-parent-title-excerpt-hover overlay-ms overlay-h\"><a href=\"https:\/\/www.garciafaura.com\/fr\/portfolio-item\/residentiel-la-marina\/\" title=\"R\u00e9sidentiel La Marina\" class=\"wpex-carousel-entry-img\"><img decoding=\"async\" data-no-lazy=\"1\" class=\"skip-lazy\" src=\"https:\/\/www.garciafaura.com\/wp-content\/uploads\/2019\/04\/Residencial-La-Marina-Mataro\u0301-01-x.jpg\" alt='' data-no-retina \/>\n<div class=\"overlay-title-excerpt-hover overlay-hide theme-overlay textcenter\">\n\t<div class=\"overlay-table clr\">\n\t\t<div class=\"overlay-table-cell clr\">\n\t\t\t<div class=\"overlay-title\">R\u00e9sidentiel La Marina<\/div>\n\t\t\t<div class=\"overlay-excerpt\"><p>Fermetures en aluminium pour a r\u00e9sidentiel promotion \u00e0 Matar\u00f3 (Barcelone).<\/p><\/div>\t\t<\/div>\n\t<\/div>\n<\/div><\/a><\/div><\/div><div class=\"wpex-carousel-slide\"><div class=\"wpex-carousel-entry-media clr overlay-parent overlay-parent-title-excerpt-hover overlay-ms overlay-h\"><a href=\"https:\/\/www.garciafaura.com\/fr\/portfolio-item\/promotion-comte-borrell\/\" title=\"Promotion Comte Borrell\" class=\"wpex-carousel-entry-img\"><img decoding=\"async\" data-no-lazy=\"1\" class=\"skip-lazy\" src=\"https:\/\/www.garciafaura.com\/wp-content\/uploads\/2019\/04\/Promocio-Comte-Borrell-02-x.jpg\" alt='' data-no-retina \/>\n<div class=\"overlay-title-excerpt-hover overlay-hide theme-overlay textcenter\">\n\t<div class=\"overlay-table clr\">\n\t\t<div class=\"overlay-table-cell clr\">\n\t\t\t<div class=\"overlay-title\">Promotion Comte Borrell<\/div>\n\t\t\t<div class=\"overlay-excerpt\"><p>Fermeture en aluminium et verre dans d\u00e9veloppement r\u00e9sidentiel \u00e0 Barcelone<\/p><\/div>\t\t<\/div>\n\t<\/div>\n<\/div><\/a><\/div><\/div><div class=\"wpex-carousel-slide\"><div class=\"wpex-carousel-entry-media clr overlay-parent overlay-parent-title-excerpt-hover overlay-ms overlay-h\"><a href=\"https:\/\/www.garciafaura.com\/fr\/portfolio-item\/promotion-industria-ponent-badalona\/\" title=\"Promotion Industria Ponent Badalona\" class=\"wpex-carousel-entry-img\"><img decoding=\"async\" data-no-lazy=\"1\" class=\"skip-lazy\" src=\"https:\/\/www.garciafaura.com\/wp-content\/uploads\/2019\/04\/13112-15-x.jpg\" alt='' data-no-retina \/>\n<div class=\"overlay-title-excerpt-hover overlay-hide theme-overlay textcenter\">\n\t<div class=\"overlay-table clr\">\n\t\t<div class=\"overlay-table-cell clr\">\n\t\t\t<div class=\"overlay-title\">Promotion Industria Ponent Badalona<\/div>\n\t\t\t<div class=\"overlay-excerpt\"><p>Fermetures pour logement \u00e0 Badalona (Barcelone).<\/p><\/div>\t\t<\/div>\n\t<\/div>\n<\/div><\/a><\/div><\/div><div class=\"wpex-carousel-slide\"><div class=\"wpex-carousel-entry-media clr overlay-parent overlay-parent-title-excerpt-hover overlay-ms overlay-h\"><a href=\"https:\/\/www.garciafaura.com\/fr\/portfolio-item\/promotion-torre-diagonal\/\" title=\"Promotion Torre Diagonal\" class=\"wpex-carousel-entry-img\"><img decoding=\"async\" data-no-lazy=\"1\" class=\"skip-lazy\" src=\"https:\/\/www.garciafaura.com\/wp-content\/uploads\/2018\/10\/Promocio-Torre-Diagonal-01-x.jpg\" alt=\"Fermetures Pour 125 Logements Dans Tour De 26 \u00e9tages \u00e0 Barcelone\" data-no-retina \/>\n<div class=\"overlay-title-excerpt-hover overlay-hide theme-overlay textcenter\">\n\t<div class=\"overlay-table clr\">\n\t\t<div class=\"overlay-table-cell clr\">\n\t\t\t<div class=\"overlay-title\">Promotion Torre Diagonal<\/div>\n\t\t\t<div class=\"overlay-excerpt\"><p>Barcelone. Ann\u00e9e d'ach\u00e8vement : 2016 Surface d'intervention : Fermetures : 825 unit\u00e9s | Verre :&hellip;<\/p><\/div>\t\t<\/div>\n\t<\/div>\n<\/div><\/a><\/div><\/div><div class=\"wpex-carousel-slide\"><div class=\"wpex-carousel-entry-media clr overlay-parent overlay-parent-title-excerpt-hover overlay-ms overlay-h\"><a href=\"https:\/\/www.garciafaura.com\/fr\/portfolio-item\/promotion-dalt-la-vila\/\" title=\"Promotion Dalt La Vila\" class=\"wpex-carousel-entry-img\"><img decoding=\"async\" data-no-lazy=\"1\" class=\"skip-lazy\" src=\"https:\/\/www.garciafaura.com\/wp-content\/uploads\/2018\/09\/Promocio-Dalt-Vila-Badalona-01-x.jpg\" alt='' data-no-retina \/>\n<div class=\"overlay-title-excerpt-hover overlay-hide theme-overlay textcenter\">\n\t<div class=\"overlay-table clr\">\n\t\t<div class=\"overlay-table-cell clr\">\n\t\t\t<div class=\"overlay-title\">Promotion Dalt La Vila<\/div>\n\t\t\t<div class=\"overlay-excerpt\"><p>Fermetures pour promotion r\u00e9sidentielle \u00e0 Badalona<\/p><\/div>\t\t<\/div>\n\t<\/div>\n<\/div><\/a><\/div><\/div><div class=\"wpex-carousel-slide\"><div class=\"wpex-carousel-entry-media clr overlay-parent overlay-parent-title-excerpt-hover overlay-ms overlay-h\"><a href=\"https:\/\/www.garciafaura.com\/fr\/portfolio-item\/promotions-biosca\/\" title=\"Promotions Biosca\" class=\"wpex-carousel-entry-img\"><img decoding=\"async\" data-no-lazy=\"1\" class=\"skip-lazy\" src=\"https:\/\/www.garciafaura.com\/wp-content\/uploads\/2018\/11\/Promocio\u0301-carrer-Biosca-01-x.jpg\" alt='' data-no-retina \/>\n<div class=\"overlay-title-excerpt-hover overlay-hide theme-overlay textcenter\">\n\t<div class=\"overlay-table clr\">\n\t\t<div class=\"overlay-table-cell clr\">\n\t\t\t<div class=\"overlay-title\">Promotions Biosca<\/div>\n\t\t\t<div class=\"overlay-excerpt\"><p>Fermetures en aluminium pour trois immeubles de logements \u00e0 Barcelone<\/p><\/div>\t\t<\/div>\n\t<\/div>\n<\/div><\/a><\/div><\/div><div class=\"wpex-carousel-slide\"><div class=\"wpex-carousel-entry-media clr overlay-parent overlay-parent-title-excerpt-hover overlay-ms overlay-h\"><a href=\"https:\/\/www.garciafaura.com\/fr\/portfolio-item\/promotion-sant-just\/\" title=\"Promotion Sant Just\" class=\"wpex-carousel-entry-img\"><img decoding=\"async\" data-no-lazy=\"1\" class=\"skip-lazy\" src=\"https:\/\/www.garciafaura.com\/wp-content\/uploads\/2018\/10\/Promocio\u0301-Sant-Just-01-x.jpg\" alt='' data-no-retina \/>\n<div class=\"overlay-title-excerpt-hover overlay-hide theme-overlay textcenter\">\n\t<div class=\"overlay-table clr\">\n\t\t<div class=\"overlay-table-cell clr\">\n\t\t\t<div class=\"overlay-title\">Promotion Sant Just<\/div>\n\t\t\t<div class=\"overlay-excerpt\"><p>Sant Just Desvern. Ann\u00e9e d'ach\u00e8vement : 2015 Surface d'intervention : Fermetures : 1390 m\u00b2 Promotion&hellip;<\/p><\/div>\t\t<\/div>\n\t<\/div>\n<\/div><\/a><\/div><\/div><div class=\"wpex-carousel-slide\"><div class=\"wpex-carousel-entry-media clr overlay-parent overlay-parent-title-excerpt-hover overlay-ms overlay-h\"><a href=\"https:\/\/www.garciafaura.com\/fr\/portfolio-item\/immeuble-gran-balmes\/\" title=\"Immeuble Gran Balmes\" class=\"wpex-carousel-entry-img\"><img decoding=\"async\" data-no-lazy=\"1\" class=\"skip-lazy\" src=\"https:\/\/www.garciafaura.com\/wp-content\/uploads\/2019\/01\/IMG_9089-x.jpg\" alt=\"Fermetures En Aluminium Et Verre Pour Immeuble R\u00e9sidentiel \u00e0 Barcelone\" data-no-retina \/>\n<div class=\"overlay-title-excerpt-hover overlay-hide theme-overlay textcenter\">\n\t<div class=\"overlay-table clr\">\n\t\t<div class=\"overlay-table-cell clr\">\n\t\t\t<div class=\"overlay-title\">Immeuble Gran Balmes<\/div>\n\t\t\t<div class=\"overlay-excerpt\"><p>Fermetures en aluminium et verre pour immeuble r\u00e9sidentiel \u00e0 Barcelone<\/p><\/div>\t\t<\/div>\n\t<\/div>\n<\/div><\/a><\/div><\/div><div class=\"wpex-carousel-slide\"><div class=\"wpex-carousel-entry-media clr overlay-parent overlay-parent-title-excerpt-hover overlay-ms overlay-h\"><a href=\"https:\/\/www.garciafaura.com\/fr\/portfolio-item\/promotion-badalona-port\/\" title=\"Promotion Badalona Port\" class=\"wpex-carousel-entry-img\"><img decoding=\"async\" data-no-lazy=\"1\" class=\"skip-lazy\" src=\"https:\/\/www.garciafaura.com\/wp-content\/uploads\/2018\/11\/Promocio\u0301-Badalona-Port-01-x.jpg\" alt=\"750 Fermetures En Aluminium Pour Nouvelle Promotion \u00e0 Badalona\" data-no-retina \/>\n<div class=\"overlay-title-excerpt-hover overlay-hide theme-overlay textcenter\">\n\t<div class=\"overlay-table clr\">\n\t\t<div class=\"overlay-table-cell clr\">\n\t\t\t<div class=\"overlay-title\">Promotion Badalona Port<\/div>\n\t\t\t<div class=\"overlay-excerpt\"><p>750 fermetures en aluminium pour nouvelle promotion \u00e0 Badalona<\/p><\/div>\t\t<\/div>\n\t<\/div>\n<\/div><\/a><\/div><\/div><div class=\"wpex-carousel-slide\"><div class=\"wpex-carousel-entry-media clr overlay-parent overlay-parent-title-excerpt-hover overlay-ms overlay-h\"><a href=\"https:\/\/www.garciafaura.com\/fr\/portfolio-item\/lotissement-celere\/\" title=\"R\u00e9sidentiel Diagonal Port\" class=\"wpex-carousel-entry-img\"><img decoding=\"async\" data-no-lazy=\"1\" class=\"skip-lazy\" src=\"https:\/\/www.garciafaura.com\/wp-content\/uploads\/2019\/04\/12669-01-x.jpg\" alt=\"Fermeture\u00a0en Aluminium Et Verre Dans Le D\u00e9veloppement R\u00e9sidentiel Haute Performance \u00e0 Barcelone\" data-no-retina \/>\n<div class=\"overlay-title-excerpt-hover overlay-hide theme-overlay textcenter\">\n\t<div class=\"overlay-table clr\">\n\t\t<div class=\"overlay-table-cell clr\">\n\t\t\t<div class=\"overlay-title\">R\u00e9sidentiel Diagonal Port<\/div>\n\t\t\t<div class=\"overlay-excerpt\"><p>Fermeture\u00a0en aluminium et verre dans le d\u00e9veloppement r\u00e9sidentiel haute performance \u00e0 Barcelone<\/p><\/div>\t\t<\/div>\n\t<\/div>\n<\/div><\/a><\/div><\/div><div class=\"wpex-carousel-slide\"><div class=\"wpex-carousel-entry-media clr overlay-parent overlay-parent-title-excerpt-hover overlay-ms overlay-h\"><a href=\"https:\/\/www.garciafaura.com\/fr\/portfolio-item\/lotissement-torre-europa\/\" title=\"Lotissement Torre Europa\" class=\"wpex-carousel-entry-img\"><img decoding=\"async\" data-no-lazy=\"1\" class=\"skip-lazy\" src=\"https:\/\/www.garciafaura.com\/wp-content\/uploads\/2018\/12\/Residencial-Torre-Europa-01-x.jpg\" alt=\"Fermetures Pour B\u00e2timent De 90 Logements \u00e0 L'Hospitalet De Llobregat\" data-no-retina \/>\n<div class=\"overlay-title-excerpt-hover overlay-hide theme-overlay textcenter\">\n\t<div class=\"overlay-table clr\">\n\t\t<div class=\"overlay-table-cell clr\">\n\t\t\t<div class=\"overlay-title\">Lotissement Torre Europa<\/div>\n\t\t\t<div class=\"overlay-excerpt\"><p>Fermetures pour b\u00e2timent de 90 logements \u00e0 L'Hospitalet de Llobregat<\/p><\/div>\t\t<\/div>\n\t<\/div>\n<\/div><\/a><\/div><\/div><div class=\"wpex-carousel-slide\"><div class=\"wpex-carousel-entry-media clr overlay-parent overlay-parent-title-excerpt-hover overlay-ms overlay-h\"><a href=\"https:\/\/www.garciafaura.com\/fr\/portfolio-item\/promotion-antoni-agraz\/\" title=\"Promotion Antoni Agraz\" class=\"wpex-carousel-entry-img\"><img decoding=\"async\" data-no-lazy=\"1\" class=\"skip-lazy\" src=\"https:\/\/www.garciafaura.com\/wp-content\/uploads\/2018\/12\/Promocio\u0301-Antoni-Agraz-Sant-Cugat-01-x.jpg\" alt=\"Fermetures En Aluminium Et Verre Pour Promotion R\u00e9sidentielle \u00e0 Sant Cugat Del Vall\u00e8s\" data-no-retina \/>\n<div class=\"overlay-title-excerpt-hover overlay-hide theme-overlay textcenter\">\n\t<div class=\"overlay-table clr\">\n\t\t<div class=\"overlay-table-cell clr\">\n\t\t\t<div class=\"overlay-title\">Promotion Antoni Agraz<\/div>\n\t\t\t<div class=\"overlay-excerpt\"><p>Fermetures en aluminium et verre pour promotion r\u00e9sidentielle \u00e0 Sant Cugat del Vall\u00e8s<\/p><\/div>\t\t<\/div>\n\t<\/div>\n<\/div><\/a><\/div><\/div><div class=\"wpex-carousel-slide\"><div class=\"wpex-carousel-entry-media clr overlay-parent overlay-parent-title-excerpt-hover overlay-ms overlay-h\"><a href=\"https:\/\/www.garciafaura.com\/fr\/portfolio-item\/promotion-tordera-mataro\/\" title=\"Promotion Tordera Matar\u00f3\" class=\"wpex-carousel-entry-img\"><img decoding=\"async\" data-no-lazy=\"1\" class=\"skip-lazy\" src=\"https:\/\/www.garciafaura.com\/wp-content\/uploads\/2018\/12\/Promocio\u0301-Mataro\u0301-carrer-Tordera-02-x.jpg\" alt=\"Fermetures En Aluminium Pour Promotion De 60 Logements \u00e0 Matar\u00f3\" data-no-retina \/>\n<div class=\"overlay-title-excerpt-hover overlay-hide theme-overlay textcenter\">\n\t<div class=\"overlay-table clr\">\n\t\t<div class=\"overlay-table-cell clr\">\n\t\t\t<div class=\"overlay-title\">Promotion Tordera Matar\u00f3<\/div>\n\t\t\t<div class=\"overlay-excerpt\"><p>Fermetures en aluminium pour promotion de 60 logements \u00e0 Matar\u00f3<\/p><\/div>\t\t<\/div>\n\t<\/div>\n<\/div><\/a><\/div><\/div><div class=\"wpex-carousel-slide\"><div class=\"wpex-carousel-entry-media clr overlay-parent overlay-parent-title-excerpt-hover overlay-ms overlay-h\"><a href=\"https:\/\/www.garciafaura.com\/fr\/portfolio-item\/logements-doctor-carulla\/\" title=\"Logements Doctor Carulla\" class=\"wpex-carousel-entry-img\"><img decoding=\"async\" data-no-lazy=\"1\" class=\"skip-lazy\" src=\"https:\/\/www.garciafaura.com\/wp-content\/uploads\/2018\/11\/Doctor-Carulla-000-x.jpg\" alt='' data-no-retina \/>\n<div class=\"overlay-title-excerpt-hover overlay-hide theme-overlay textcenter\">\n\t<div class=\"overlay-table clr\">\n\t\t<div class=\"overlay-table-cell clr\">\n\t\t\t<div class=\"overlay-title\">Logements Doctor Carulla<\/div>\n\t\t\t<div class=\"overlay-excerpt\"><p>Architecture de la fa\u00e7ade et ensemble de fermetures pour ce logement moderne<\/p><\/div>\t\t<\/div>\n\t<\/div>\n<\/div><\/a><\/div><\/div><div class=\"wpex-carousel-slide\"><div class=\"wpex-carousel-entry-media clr overlay-parent overlay-parent-title-excerpt-hover overlay-ms overlay-h\"><a href=\"https:\/\/www.garciafaura.com\/fr\/portfolio-item\/promotion-josep-irla\/\" title=\"Promotion Josep Irla\" class=\"wpex-carousel-entry-img\"><img decoding=\"async\" data-no-lazy=\"1\" class=\"skip-lazy\" src=\"https:\/\/www.garciafaura.com\/wp-content\/uploads\/2018\/11\/Promocio\u0301-Josep-Irla-Sitges-04-x.jpg\" alt=\"Fermetures En Aluminium Et Verre Pour Ensemble R\u00e9sidentiel \u00e0 Sitges\" data-no-retina \/>\n<div class=\"overlay-title-excerpt-hover overlay-hide theme-overlay textcenter\">\n\t<div class=\"overlay-table clr\">\n\t\t<div class=\"overlay-table-cell clr\">\n\t\t\t<div class=\"overlay-title\">Promotion Josep Irla<\/div>\n\t\t\t<div class=\"overlay-excerpt\"><p>Fermetures en aluminium et verre pour ensemble r\u00e9sidentiel \u00e0 Sitges<\/p><\/div>\t\t<\/div>\n\t<\/div>\n<\/div><\/a><\/div><\/div><\/div>[\/vc_column][\/vc_row][vc_row full_width=\u00a0\u00bbstretch_row\u00a0\u00bb equal_height=\u00a0\u00bbyes\u00a0\u00bb css=\u00a0\u00bb.vc_custom_1543345712599{margin-top: 30px !important;}\u00a0\u00bb][vc_column]<h3 class=\"vcex-heading-link-wrap clr\"><a class=\"vcex-module vcex-heading vcex-heading-bottom-border-w-color local-scroll-link\" href=\"https:\/\/www.garciafaura.com\/actualitat\/\" title=\"Actualitat GARCIA FAURA\" style=\"font-weight:600;border-bottom-color:#000000;\"><span class=\"vcex-heading-inner clr\" style=\"border-color:#d7515e;\">Actualit\u00e9 GARCIA FAURA<\/span><\/a><\/h3><div class=\"vcex-spacing\" style=\"height:30px\"><\/div><div class=\"vcex-module vcex-blog-grid-wrap vcex-clr\"><div class=\"wpex-row vcex-blog-grid wpex-clr entries gap-5 match-height-grid\"><div class=\"vcex-blog-entry vcex-grid-item entry-has-details span_1_of_3 col-1 col post-42181 entry type-post has-media cat-2 translation_priority-5\"><div class=\"vcex-blog-entry-inner entry-inner wpex-clr\"><div class=\"vcex-blog-entry-media entry-media\"><a href=\"https:\/\/www.garciafaura.com\/fr\/garcia-faura-crea-una-nova-divisio-de-manteniments\/\" title=\"GARCIA FAURA cr\u00e9e une nouvelle Division Maintenance\"><img loading=\"lazy\" decoding=\"async\" class=\"vcex-blog-entry-img\" src=\"https:\/\/www.garciafaura.com\/wp-content\/uploads\/2026\/03\/Divisio-Manteniments-Garcia-Faura-2-600x400.jpg\" alt='' data-no-retina width=\"600\" height=\"400\" \/><\/a><\/div><div class=\"vcex-blog-entry-details entry-details wpex-clr\"><div class=\"match-height-content\"><h2 class=\"vcex-blog-entry-title entry-title\"><a href=\"https:\/\/www.garciafaura.com\/fr\/garcia-faura-crea-una-nova-divisio-de-manteniments\/\">GARCIA FAURA cr\u00e9e une nouvelle Division Maintenance<\/a><\/h2><div class=\"vcex-blog-entry-excerpt entry-excerpt entry clr\"><p>GARCIA FAURA a lanc\u00e9 une nouvelle Division de Maintenance, afin d'offrir un&hellip;<\/p><\/div><div class=\"vcex-blog-entry-readmore-wrap entry-readmore-wrap clr\"><a href=\"https:\/\/www.garciafaura.com\/fr\/garcia-faura-crea-una-nova-divisio-de-manteniments\/\" class=\"theme-button minimal-border\" data-wpex-hover=\"{&quot;background&quot;:&quot;#d7515e&quot;,&quot;color&quot;:&quot;#000000&quot;}\">En savoir plus <span class=\"vcex-readmore-rarr\">&rarr;<\/span><\/a><\/div><\/div><\/div><\/div><\/div><div class=\"vcex-blog-entry vcex-grid-item entry-has-details span_1_of_3 col-2 col post-42046 entry type-post has-media cat-2 translation_priority-5\"><div class=\"vcex-blog-entry-inner entry-inner wpex-clr\"><div class=\"vcex-blog-entry-media entry-media\"><a href=\"https:\/\/www.garciafaura.com\/fr\/el-miteco-confia-en-garcia-faura-per-a-la-renovacio-de-la-seva-seu-historica\/\" title=\"MITECO fait confiance \u00e0 GARCIA FAURA pour la r\u00e9novation de son si\u00e8ge historique\"><img loading=\"lazy\" decoding=\"async\" class=\"vcex-blog-entry-img\" src=\"https:\/\/www.garciafaura.com\/wp-content\/uploads\/2026\/03\/Sede-MITECO-600x400.png\" alt='' data-no-retina width=\"600\" height=\"400\" \/><\/a><\/div><div class=\"vcex-blog-entry-details entry-details wpex-clr\"><div class=\"match-height-content\"><h2 class=\"vcex-blog-entry-title entry-title\"><a href=\"https:\/\/www.garciafaura.com\/fr\/el-miteco-confia-en-garcia-faura-per-a-la-renovacio-de-la-seva-seu-historica\/\">MITECO fait confiance \u00e0 GARCIA FAURA pour la r\u00e9novation de son si\u00e8ge historique<\/a><\/h2><div class=\"vcex-blog-entry-excerpt entry-excerpt entry clr\"><p>GARCIA FAURA participe \u00e0 la r\u00e9habilitation du si\u00e8ge du Minist\u00e8re de la&hellip;<\/p><\/div><div class=\"vcex-blog-entry-readmore-wrap entry-readmore-wrap clr\"><a href=\"https:\/\/www.garciafaura.com\/fr\/el-miteco-confia-en-garcia-faura-per-a-la-renovacio-de-la-seva-seu-historica\/\" class=\"theme-button minimal-border\" data-wpex-hover=\"{&quot;background&quot;:&quot;#d7515e&quot;,&quot;color&quot;:&quot;#000000&quot;}\">En savoir plus <span class=\"vcex-readmore-rarr\">&rarr;<\/span><\/a><\/div><\/div><\/div><\/div><\/div><div class=\"vcex-blog-entry vcex-grid-item entry-has-details span_1_of_3 col-3 col post-41740 entry type-post has-media cat-2 post_format-65 translation_priority-5\"><div class=\"vcex-blog-entry-inner entry-inner wpex-clr\"><div class=\"vcex-blog-entry-media entry-media\"><a href=\"https:\/\/www.garciafaura.com\/fr\/garcia-faura-fabrica-i-installa-les-facanes-de-ledifici-unicas-sjd\/\" title=\"GARCIA FAURA fabrique et installe les fa\u00e7ades du b\u00e2timent \u00danicas SJD\"><img loading=\"lazy\" decoding=\"async\" class=\"vcex-blog-entry-img\" src=\"https:\/\/www.garciafaura.com\/wp-content\/uploads\/2025\/07\/Unicas-02-baixa-600x400.jpg\" alt='' data-no-retina width=\"600\" height=\"400\" \/><\/a><\/div><div class=\"vcex-blog-entry-details entry-details wpex-clr\"><div class=\"match-height-content\"><h2 class=\"vcex-blog-entry-title entry-title\"><a href=\"https:\/\/www.garciafaura.com\/fr\/garcia-faura-fabrica-i-installa-les-facanes-de-ledifici-unicas-sjd\/\">GARCIA FAURA fabrique et installe les fa\u00e7ades du b\u00e2timent \u00danicas SJD<\/a><\/h2><div class=\"vcex-blog-entry-excerpt entry-excerpt entry clr\"><p>GARCIA FAURA fabrique et installe des fa\u00e7ades, des doubles peaux, des murs&hellip;<\/p><\/div><div class=\"vcex-blog-entry-readmore-wrap entry-readmore-wrap clr\"><a href=\"https:\/\/www.garciafaura.com\/fr\/garcia-faura-fabrica-i-installa-les-facanes-de-ledifici-unicas-sjd\/\" class=\"theme-button minimal-border\" data-wpex-hover=\"{&quot;background&quot;:&quot;#d7515e&quot;,&quot;color&quot;:&quot;#000000&quot;}\">En savoir plus <span class=\"vcex-readmore-rarr\">&rarr;<\/span><\/a><\/div><\/div><\/div><\/div><\/div><\/div><\/div>[\/vc_column][\/vc_row][vc_row full_width=\u00a0\u00bbstretch_row\u00a0\u00bb equal_height=\u00a0\u00bbyes\u00a0\u00bb css=\u00a0\u00bb.vc_custom_1667592617776{margin-top: 30px !important;background-color: #e5e5e5 !important;}\u00a0\u00bb][vc_column width=\u00a0\u00bb1\/4&Prime;]<div class=\"vcex-spacing\" style=\"height:100px\"><\/div>[vc_column_text css=\u00a0\u00bb\u00a0\u00bb]\n<p style=\"text-align: center;\"><span style=\"font-size: 24px;\"><strong><span style=\"font-family: 'Open Sans';\">T\u00e9l\u00e9chargez notre pr\u00e9sentation d&rsquo;entreprise<\/span><\/strong><\/span><\/p>\n[\/vc_column_text][\/vc_column][vc_column width=\u00a0\u00bb3\/4&Prime;]<div class=\"vcex-spacing\" style=\"height:30px\"><\/div>[vc_single_image image=\u00a0\u00bb42020&Prime; img_size=\u00a0\u00bb1200&#215;500&Prime; css_animation=\u00a0\u00bbslideInRight\u00a0\u00bb onclick=\u00a0\u00bbcustom_link\u00a0\u00bb img_link_target=\u00a0\u00bb_blank\u00a0\u00bb css=\u00a0\u00bb\u00a0\u00bb link=\u00a0\u00bbhttps:\/\/www.garciafaura.com\/wp-content\/uploads\/2026\/03\/GARCIAFAURA_Catalogue.pdf\u00a0\u00bb img_hover=\u00a0\u00bbshrink\u00a0\u00bb][\/vc_column][\/vc_row]\n<\/div>","protected":false},"excerpt":{"rendered":"<p>[vc_row full_width=\u00a0\u00bbstretch_row_content\u00a0\u00bb typography_style=\u00a0\u00bbwhite\u00a0\u00bb css=\u00a0\u00bb.vc_custom_1543340787334{margin-right: 30px !important;background-color: #000000 !important;background-position: center !important;background-repeat: no-repeat !important;background-size: cover !important;}\u00a0\u00bb][vc_column width=\u00a0\u00bb1\/6&Prime; css=\u00a0\u00bb.vc_custom_1543335477433{margin-left: 30px !important;}\u00a0\u00bb][\/vc_column][vc_column width=\u00a0\u00bb5\/6&Prime;][\/vc_column][\/vc_row][vc_row full_width=\u00a0\u00bbstretch_row_content\u00a0\u00bb typography_style=\u00a0\u00bbwhite\u00a0\u00bb css=\u00a0\u00bb.vc_custom_1543336958370{margin-right: 30px !important;margin-left: 15px !important;background-color: #000000 !important;background-position: center !important;background-repeat: no-repeat !important;background-size: cover !important;}\u00a0\u00bb][vc_column width=\u00a0\u00bb5\/6&Prime; css=\u00a0\u00bb.vc_custom_1543335477433{margin-left: 30px !important;}\u00a0\u00bb][\/vc_column][vc_column width=\u00a0\u00bb1\/6&Prime;][\/vc_column][\/vc_row][vc_row full_width=\u00a0\u00bbstretch_row_content\u00a0\u00bb&hellip;<\/p>\n","protected":false},"author":3,"featured_media":0,"parent":0,"menu_order":0,"comment_status":"closed","ping_status":"closed","template":"","meta":{"footnotes":""},"class_list":["post-20636","page","type-page","status-publish","hentry","entry","no-media"],"yoast_head":"<!-- This site is optimized with the Yoast SEO plugin v26.7 - https:\/\/yoast.com\/wordpress\/plugins\/seo\/ -->\n<title>Accueil - GARCIA FAURA<\/title>\n<meta name=\"description\" content=\"GARCIA FAURA \u00e9s l\u2019empresa pionera en el desenvolupament de fa\u00e7anes modulars, murs cortina i tancaments d\u2019alumini i vidre. Una companyia d\u2019arrel familiar, nascuda l\u2019any 1888 i amb projecci\u00f3 internacional. Amb seu central a Gav\u00e0 (Barcelona) i delegacions pr\u00f2pies a Col\u00f2mbia i Fran\u00e7a.\" \/>\n<meta name=\"robots\" content=\"index, follow, max-snippet:-1, max-image-preview:large, max-video-preview:-1\" \/>\n<link rel=\"canonical\" href=\"https:\/\/www.garciafaura.com\/fr\/\" \/>\n<meta property=\"og:locale\" content=\"fr_FR\" \/>\n<meta property=\"og:type\" content=\"article\" \/>\n<meta property=\"og:title\" content=\"Accueil - GARCIA FAURA\" \/>\n<meta property=\"og:description\" content=\"GARCIA FAURA \u00e9s l\u2019empresa pionera en el desenvolupament de fa\u00e7anes modulars, murs cortina i tancaments d\u2019alumini i vidre. Una companyia d\u2019arrel familiar, nascuda l\u2019any 1888 i amb projecci\u00f3 internacional. Amb seu central a Gav\u00e0 (Barcelona) i delegacions pr\u00f2pies a Col\u00f2mbia i Fran\u00e7a.\" \/>\n<meta property=\"og:url\" content=\"https:\/\/www.garciafaura.com\/fr\/\" \/>\n<meta property=\"og:site_name\" content=\"GARCIA FAURA\" \/>\n<meta property=\"article:modified_time\" content=\"2026-03-03T15:15:53+00:00\" \/>\n<meta name=\"twitter:card\" content=\"summary_large_image\" \/>\n<meta name=\"twitter:label1\" content=\"Dur\u00e9e de lecture estim\u00e9e\" \/>\n\t<meta name=\"twitter:data1\" content=\"3 minutes\" \/>\n<script type=\"application\/ld+json\" class=\"yoast-schema-graph\">{\"@context\":\"https:\/\/schema.org\",\"@graph\":[{\"@type\":\"WebPage\",\"@id\":\"https:\/\/www.garciafaura.com\/fr\/\",\"url\":\"https:\/\/www.garciafaura.com\/fr\/\",\"name\":\"Accueil - GARCIA FAURA\",\"isPartOf\":{\"@id\":\"https:\/\/www.garciafaura.com\/fr\/#website\"},\"datePublished\":\"2019-05-27T11:22:59+00:00\",\"dateModified\":\"2026-03-03T15:15:53+00:00\",\"description\":\"GARCIA FAURA \u00e9s l\u2019empresa pionera en el desenvolupament de fa\u00e7anes modulars, murs cortina i tancaments d\u2019alumini i vidre. Una companyia d\u2019arrel familiar, nascuda l\u2019any 1888 i amb projecci\u00f3 internacional. Amb seu central a Gav\u00e0 (Barcelona) i delegacions pr\u00f2pies a Col\u00f2mbia i Fran\u00e7a.\",\"breadcrumb\":{\"@id\":\"https:\/\/www.garciafaura.com\/fr\/#breadcrumb\"},\"inLanguage\":\"fr-FR\",\"potentialAction\":[{\"@type\":\"ReadAction\",\"target\":[\"https:\/\/www.garciafaura.com\/fr\/\"]}]},{\"@type\":\"BreadcrumbList\",\"@id\":\"https:\/\/www.garciafaura.com\/fr\/#breadcrumb\",\"itemListElement\":[{\"@type\":\"ListItem\",\"position\":1,\"name\":\"Inici\",\"item\":\"https:\/\/www.garciafaura.com\/fr\/\"},{\"@type\":\"ListItem\",\"position\":2,\"name\":\"Accueil\"}]},{\"@type\":\"WebSite\",\"@id\":\"https:\/\/www.garciafaura.com\/fr\/#website\",\"url\":\"https:\/\/www.garciafaura.com\/fr\/\",\"name\":\"GARCIA FAURA\",\"description\":\"Arquitectura en Alumini, Inox, Ferro i Vidre\",\"publisher\":{\"@id\":\"https:\/\/www.garciafaura.com\/fr\/#organization\"},\"potentialAction\":[{\"@type\":\"SearchAction\",\"target\":{\"@type\":\"EntryPoint\",\"urlTemplate\":\"https:\/\/www.garciafaura.com\/fr\/?s={search_term_string}\"},\"query-input\":{\"@type\":\"PropertyValueSpecification\",\"valueRequired\":true,\"valueName\":\"search_term_string\"}}],\"inLanguage\":\"fr-FR\"},{\"@type\":\"Organization\",\"@id\":\"https:\/\/www.garciafaura.com\/fr\/#organization\",\"name\":\"GARCIA FAURA\",\"url\":\"https:\/\/www.garciafaura.com\/fr\/\",\"logo\":{\"@type\":\"ImageObject\",\"inLanguage\":\"fr-FR\",\"@id\":\"https:\/\/www.garciafaura.com\/fr\/#\/schema\/logo\/image\/\",\"url\":\"https:\/\/www.garciafaura.com\/wp-content\/uploads\/2018\/09\/Garcia-Faura.png\",\"contentUrl\":\"https:\/\/www.garciafaura.com\/wp-content\/uploads\/2018\/09\/Garcia-Faura.png\",\"width\":512,\"height\":512,\"caption\":\"GARCIA FAURA\"},\"image\":{\"@id\":\"https:\/\/www.garciafaura.com\/fr\/#\/schema\/logo\/image\/\"},\"sameAs\":[\"https:\/\/www.youtube.com\/user\/GARCIAFAURA\"]}]}<\/script>\n<!-- \/ Yoast SEO plugin. -->","yoast_head_json":{"title":"Accueil - GARCIA FAURA","description":"GARCIA FAURA \u00e9s l\u2019empresa pionera en el desenvolupament de fa\u00e7anes modulars, murs cortina i tancaments d\u2019alumini i vidre. Una companyia d\u2019arrel familiar, nascuda l\u2019any 1888 i amb projecci\u00f3 internacional. Amb seu central a Gav\u00e0 (Barcelona) i delegacions pr\u00f2pies a Col\u00f2mbia i Fran\u00e7a.","robots":{"index":"index","follow":"follow","max-snippet":"max-snippet:-1","max-image-preview":"max-image-preview:large","max-video-preview":"max-video-preview:-1"},"canonical":"https:\/\/www.garciafaura.com\/fr\/","og_locale":"fr_FR","og_type":"article","og_title":"Accueil - GARCIA FAURA","og_description":"GARCIA FAURA \u00e9s l\u2019empresa pionera en el desenvolupament de fa\u00e7anes modulars, murs cortina i tancaments d\u2019alumini i vidre. Una companyia d\u2019arrel familiar, nascuda l\u2019any 1888 i amb projecci\u00f3 internacional. Amb seu central a Gav\u00e0 (Barcelona) i delegacions pr\u00f2pies a Col\u00f2mbia i Fran\u00e7a.","og_url":"https:\/\/www.garciafaura.com\/fr\/","og_site_name":"GARCIA FAURA","article_modified_time":"2026-03-03T15:15:53+00:00","twitter_card":"summary_large_image","twitter_misc":{"Dur\u00e9e de lecture estim\u00e9e":"3 minutes"},"schema":{"@context":"https:\/\/schema.org","@graph":[{"@type":"WebPage","@id":"https:\/\/www.garciafaura.com\/fr\/","url":"https:\/\/www.garciafaura.com\/fr\/","name":"Accueil - GARCIA FAURA","isPartOf":{"@id":"https:\/\/www.garciafaura.com\/fr\/#website"},"datePublished":"2019-05-27T11:22:59+00:00","dateModified":"2026-03-03T15:15:53+00:00","description":"GARCIA FAURA \u00e9s l\u2019empresa pionera en el desenvolupament de fa\u00e7anes modulars, murs cortina i tancaments d\u2019alumini i vidre. Una companyia d\u2019arrel familiar, nascuda l\u2019any 1888 i amb projecci\u00f3 internacional. Amb seu central a Gav\u00e0 (Barcelona) i delegacions pr\u00f2pies a Col\u00f2mbia i Fran\u00e7a.","breadcrumb":{"@id":"https:\/\/www.garciafaura.com\/fr\/#breadcrumb"},"inLanguage":"fr-FR","potentialAction":[{"@type":"ReadAction","target":["https:\/\/www.garciafaura.com\/fr\/"]}]},{"@type":"BreadcrumbList","@id":"https:\/\/www.garciafaura.com\/fr\/#breadcrumb","itemListElement":[{"@type":"ListItem","position":1,"name":"Inici","item":"https:\/\/www.garciafaura.com\/fr\/"},{"@type":"ListItem","position":2,"name":"Accueil"}]},{"@type":"WebSite","@id":"https:\/\/www.garciafaura.com\/fr\/#website","url":"https:\/\/www.garciafaura.com\/fr\/","name":"GARCIA FAURA","description":"Arquitectura en Alumini, Inox, Ferro i Vidre","publisher":{"@id":"https:\/\/www.garciafaura.com\/fr\/#organization"},"potentialAction":[{"@type":"SearchAction","target":{"@type":"EntryPoint","urlTemplate":"https:\/\/www.garciafaura.com\/fr\/?s={search_term_string}"},"query-input":{"@type":"PropertyValueSpecification","valueRequired":true,"valueName":"search_term_string"}}],"inLanguage":"fr-FR"},{"@type":"Organization","@id":"https:\/\/www.garciafaura.com\/fr\/#organization","name":"GARCIA FAURA","url":"https:\/\/www.garciafaura.com\/fr\/","logo":{"@type":"ImageObject","inLanguage":"fr-FR","@id":"https:\/\/www.garciafaura.com\/fr\/#\/schema\/logo\/image\/","url":"https:\/\/www.garciafaura.com\/wp-content\/uploads\/2018\/09\/Garcia-Faura.png","contentUrl":"https:\/\/www.garciafaura.com\/wp-content\/uploads\/2018\/09\/Garcia-Faura.png","width":512,"height":512,"caption":"GARCIA FAURA"},"image":{"@id":"https:\/\/www.garciafaura.com\/fr\/#\/schema\/logo\/image\/"},"sameAs":["https:\/\/www.youtube.com\/user\/GARCIAFAURA"]}]}},"_links":{"self":[{"href":"https:\/\/www.garciafaura.com\/fr\/wp-json\/wp\/v2\/pages\/20636","targetHints":{"allow":["GET"]}}],"collection":[{"href":"https:\/\/www.garciafaura.com\/fr\/wp-json\/wp\/v2\/pages"}],"about":[{"href":"https:\/\/www.garciafaura.com\/fr\/wp-json\/wp\/v2\/types\/page"}],"author":[{"embeddable":true,"href":"https:\/\/www.garciafaura.com\/fr\/wp-json\/wp\/v2\/users\/3"}],"replies":[{"embeddable":true,"href":"https:\/\/www.garciafaura.com\/fr\/wp-json\/wp\/v2\/comments?post=20636"}],"version-history":[{"count":13,"href":"https:\/\/www.garciafaura.com\/fr\/wp-json\/wp\/v2\/pages\/20636\/revisions"}],"predecessor-version":[{"id":42025,"href":"https:\/\/www.garciafaura.com\/fr\/wp-json\/wp\/v2\/pages\/20636\/revisions\/42025"}],"wp:attachment":[{"href":"https:\/\/www.garciafaura.com\/fr\/wp-json\/wp\/v2\/media?parent=20636"}],"curies":[{"name":"wp","href":"https:\/\/api.w.org\/{rel}","templated":true}]}}