{"id":20632,"date":"2019-05-27T11:22:57","date_gmt":"2019-05-27T11:22:57","guid":{"rendered":"https:\/\/www.garciafaura.com\/division-internationale\/"},"modified":"2026-03-03T17:54:59","modified_gmt":"2026-03-03T15:54:59","slug":"division-internationale","status":"publish","type":"page","link":"https:\/\/www.garciafaura.com\/fr\/division-internationale\/","title":{"rendered":"Division Internationale"},"content":{"rendered":"<div class=\"wpb-content-wrapper\">[vc_row full_width=\u00a0\u00bbstretch_row\u00a0\u00bb wpex_bg_overlay=\u00a0\u00bbcolor\u00a0\u00bb wpex_bg_overlay_color=\u00a0\u00bb#d9d9d9&Prime; wpex_bg_overlay_opacity=\u00a0\u00bb0.85&Prime;][vc_column]<div class=\"vcex-spacing\" style=\"height:30px\"><\/div>[vc_column_text]<span style=\"font-family: 'Open Sans'; font-size: 18px;\">GARCIA FAURA a sa propre d\u00e9l\u00e9gation en France et Colombie et d\u00e9veloppe en m\u00eame temps des projets dans d&rsquo;autres pays du monde.<\/span><\/p>\n<p><span style=\"font-family: 'Open Sans'; font-size: 18px;\">Il s&rsquo;agit de projets singuliers dans lesquels l&rsquo;entreprise applique l&rsquo;exp\u00e9rience accumul\u00e9e au cours de plusieurs d\u00e9cennies consacr\u00e9es au d\u00e9veloppement de fa\u00e7ades et de fermetures. <\/span><\/p>\n<p><span style=\"font-family: 'Open Sans'; font-size: 18px;\">Et elle le fait avec les standards de qualit\u00e9 qui ont toujours caract\u00e9ris\u00e9 le travail de GARCIA FAURA et qui sont reconnus par les principaux constructeurs du monde lorsqu&rsquo;il s&rsquo;agit de nous confier leurs projets les plus embl\u00e9matiques.<\/span><\/p>\n<p><strong><span style=\"font-family: 'Open Sans'; font-size: 18px;\">Sans fronti\u00e8res ni limites : la Division Internationale de GARCIA FAURA projette l&rsquo;entreprise dans le monde.<\/span><\/strong>[\/vc_column_text][\/vc_column][\/vc_row][vc_row full_width=\u00a0\u00bbstretch_row\u00a0\u00bb css=\u00a0\u00bb.vc_custom_1772553249474{background-color: #f2f2f2 !important;}\u00a0\u00bb][vc_column width=\u00a0\u00bb1\/2&Prime;]<div class=\"vcex-spacing\" style=\"height:30px\"><\/div>[vc_single_image image=\u00a0\u00bb42020&Prime; img_size=\u00a0\u00bb1200&#215;500&Prime; onclick=\u00a0\u00bbcustom_link\u00a0\u00bb img_link_target=\u00a0\u00bb_blank\u00a0\u00bb css=\u00a0\u00bb\u00a0\u00bb link=\u00a0\u00bbhttps:\/\/www.garciafaura.com\/wp-content\/uploads\/2026\/03\/GARCIAFAURA_Catalogue.pdf\u00a0\u00bb][\/vc_column][vc_column width=\u00a0\u00bb1\/2&Prime;]<div class=\"vcex-spacing\" style=\"height:30px\"><\/div>[vc_single_image image=\u00a0\u00bb42016&Prime; img_size=\u00a0\u00bb1200&#215;500&Prime; onclick=\u00a0\u00bbcustom_link\u00a0\u00bb img_link_target=\u00a0\u00bb_blank\u00a0\u00bb css=\u00a0\u00bb\u00a0\u00bb link=\u00a0\u00bbhttps:\/\/www.garciafaura.com\/wp-content\/uploads\/2026\/03\/GARCIAFAURA_Catalog.pdf\u00a0\u00bb][\/vc_column][\/vc_row][vc_row full_width=\u00a0\u00bbstretch_row\u00a0\u00bb][vc_column]<div class=\"vcex-spacing\" style=\"height:30px\"><\/div><div class=\"vcex-module vcex-portfolio-grid-wrap wpex-clr\"><div class=\"wpex-row vcex-portfolio-grid wpex-clr entries vcex-isotope-grid vcex-no-margin-grid\" data-show_title=\"false\"><div class=\"portfolio-entry vcex-grid-item entry-has-details span_1_of_3 col col-1 vcex-isotope-entry vcex-no-margin-entry post-24487 entry type-portfolio has-media cat-77 cat-97 cat-98 translation_priority-5\"><div class=\"portfolio-entry-inner entry-inner wpex-clr\"><div class=\"portfolio-entry-media entry-media wpex-clr\"><a href=\"https:\/\/www.garciafaura.com\/wp-content\/uploads\/2019\/11\/12333-01.jpg\" title=\"B\u00e2timent Lumini\" class=\"portfolio-entry-media-link wpex-lightbox-gallery\" data-gallery=\"[{&quot;src&quot;:&quot;https:\\\/\\\/www.garciafaura.com\\\/wp-content\\\/uploads\\\/2019\\\/11\\\/12333-01.jpg&quot;,&quot;title&quot;:&quot;Lumini&quot;},{&quot;src&quot;:&quot;https:\\\/\\\/www.garciafaura.com\\\/wp-content\\\/uploads\\\/2019\\\/11\\\/12333-02.jpg&quot;,&quot;title&quot;:&quot;Lumini&quot;},{&quot;src&quot;:&quot;https:\\\/\\\/www.garciafaura.com\\\/wp-content\\\/uploads\\\/2019\\\/11\\\/12333-03.jpg&quot;,&quot;title&quot;:&quot;Lumini&quot;},{&quot;src&quot;:&quot;https:\\\/\\\/www.garciafaura.com\\\/wp-content\\\/uploads\\\/2019\\\/11\\\/12333-04.jpg&quot;,&quot;title&quot;:&quot;Lumini&quot;},{&quot;src&quot;:&quot;https:\\\/\\\/www.garciafaura.com\\\/wp-content\\\/uploads\\\/2019\\\/11\\\/12333-05.jpg&quot;,&quot;title&quot;:&quot;Lumini&quot;}]\"><img loading=\"lazy\" decoding=\"async\" data-no-lazy=\"1\" class=\"portfolio-entry-img skip-lazy\" src=\"https:\/\/www.garciafaura.com\/wp-content\/uploads\/2019\/11\/12333-01-600x314.jpg\" alt=\"Lumini\" data-no-retina width=\"600\" height=\"314\" \/><\/a><\/div><div class=\"portfolio-entry-details entry-details wpex-clr\"><h2 class=\"portfolio-entry-title entry-title\"><a href=\"https:\/\/www.garciafaura.com\/fr\/portfolio-item\/edifici-lumini\/\" title=\"B\u00e2timent Lumini\">B\u00e2timent Lumini<\/a><\/h2><div class=\"portfolio-entry-categories entry-categories wpex-clr\"><a href=\"https:\/\/www.garciafaura.com\/fr\/portfolio-category\/ensembles-residentiels\/\" class=\"term-77\">Ensembles r\u00e9sidentiels<\/a><\/div><\/div><\/div><\/div><div class=\"portfolio-entry vcex-grid-item entry-has-details span_1_of_3 col col-2 vcex-isotope-entry vcex-no-margin-entry post-23952 entry type-portfolio has-media cat-69 cat-97 cat-98 translation_priority-5\"><div class=\"portfolio-entry-inner entry-inner wpex-clr\"><div class=\"portfolio-entry-media entry-media wpex-clr\"><a href=\"https:\/\/www.garciafaura.com\/wp-content\/uploads\/2019\/10\/BancoSanpaolo1.jpg\" title=\"Banque San Paolo\" class=\"portfolio-entry-media-link wpex-lightbox-gallery\" data-gallery=\"[{&quot;src&quot;:&quot;https:\\\/\\\/www.garciafaura.com\\\/wp-content\\\/uploads\\\/2019\\\/10\\\/BancoSanpaolo1.jpg&quot;},{&quot;src&quot;:&quot;https:\\\/\\\/www.garciafaura.com\\\/wp-content\\\/uploads\\\/2019\\\/10\\\/BancoSanpaolo3.jpg&quot;},{&quot;src&quot;:&quot;https:\\\/\\\/www.garciafaura.com\\\/wp-content\\\/uploads\\\/2019\\\/10\\\/BancoSanpaolo2.jpg&quot;}]\"><img loading=\"lazy\" decoding=\"async\" data-no-lazy=\"1\" class=\"portfolio-entry-img skip-lazy\" src=\"https:\/\/www.garciafaura.com\/wp-content\/uploads\/2019\/10\/BancoSanpaolo1-600x314.jpg\" alt='' data-no-retina width=\"600\" height=\"314\" \/><\/a><\/div><div class=\"portfolio-entry-details entry-details wpex-clr\"><h2 class=\"portfolio-entry-title entry-title\"><a href=\"https:\/\/www.garciafaura.com\/fr\/portfolio-item\/banco-san-paolo\/\" title=\"Banque San Paolo\">Banque San Paolo<\/a><\/h2><div class=\"portfolio-entry-categories entry-categories wpex-clr\"><a href=\"https:\/\/www.garciafaura.com\/fr\/portfolio-category\/batiments-corporatifs\/\" class=\"term-69\">B\u00e2timents Corporatifs<\/a><\/div><\/div><\/div><\/div><div class=\"portfolio-entry vcex-grid-item entry-has-details span_1_of_3 col col-3 vcex-isotope-entry vcex-no-margin-entry post-23924 entry type-portfolio has-media cat-69 cat-97 cat-98 translation_priority-5\"><div class=\"portfolio-entry-inner entry-inner wpex-clr\"><div class=\"portfolio-entry-media entry-media wpex-clr\"><a href=\"https:\/\/www.garciafaura.com\/wp-content\/uploads\/2019\/10\/N8A_photo_02.jpg\" title=\"Projet N8A Paris\" class=\"portfolio-entry-media-link wpex-lightbox\"><img loading=\"lazy\" decoding=\"async\" data-no-lazy=\"1\" class=\"portfolio-entry-img skip-lazy\" src=\"https:\/\/www.garciafaura.com\/wp-content\/uploads\/2019\/10\/N8A_photo_02-600x314.jpg\" alt='' data-no-retina width=\"600\" height=\"314\" \/><\/a><\/div><div class=\"portfolio-entry-details entry-details wpex-clr\"><h2 class=\"portfolio-entry-title entry-title\"><a href=\"https:\/\/www.garciafaura.com\/fr\/portfolio-item\/projet-n8a-paris\/\" title=\"Projet N8A Paris\">Projet N8A Paris<\/a><\/h2><div class=\"portfolio-entry-categories entry-categories wpex-clr\"><a href=\"https:\/\/www.garciafaura.com\/fr\/portfolio-category\/batiments-corporatifs\/\" class=\"term-69\">B\u00e2timents Corporatifs<\/a><\/div><\/div><\/div><\/div><div class=\"portfolio-entry vcex-grid-item entry-has-details span_1_of_3 col col-1 vcex-isotope-entry vcex-no-margin-entry post-23411 entry type-portfolio has-media cat-77 cat-91 cat-93 cat-95 cat-97 cat-98 translation_priority-5\"><div class=\"portfolio-entry-inner entry-inner wpex-clr\"><div class=\"portfolio-entry-media entry-media wpex-clr\"><a href=\"https:\/\/www.garciafaura.com\/wp-content\/uploads\/2019\/09\/Torre-Vitrvm-01.jpg\" title=\"Tour Vitrvm\" class=\"portfolio-entry-media-link wpex-lightbox-gallery\" data-gallery=\"[{&quot;src&quot;:&quot;https:\\\/\\\/www.garciafaura.com\\\/wp-content\\\/uploads\\\/2019\\\/09\\\/Torre-Vitrvm-01.jpg&quot;},{&quot;src&quot;:&quot;https:\\\/\\\/www.garciafaura.com\\\/wp-content\\\/uploads\\\/2019\\\/09\\\/Torre-Vitrvm-16.jpg&quot;},{&quot;src&quot;:&quot;https:\\\/\\\/www.garciafaura.com\\\/wp-content\\\/uploads\\\/2019\\\/09\\\/Torre-Vitrvm-15.jpg&quot;},{&quot;src&quot;:&quot;https:\\\/\\\/www.garciafaura.com\\\/wp-content\\\/uploads\\\/2019\\\/09\\\/Torre-Vitrvm-14.jpg&quot;},{&quot;src&quot;:&quot;https:\\\/\\\/www.garciafaura.com\\\/wp-content\\\/uploads\\\/2019\\\/09\\\/Torre-Vitrvm-13.jpg&quot;},{&quot;src&quot;:&quot;https:\\\/\\\/www.garciafaura.com\\\/wp-content\\\/uploads\\\/2019\\\/09\\\/Torre-Vitrvm-12.jpg&quot;},{&quot;src&quot;:&quot;https:\\\/\\\/www.garciafaura.com\\\/wp-content\\\/uploads\\\/2019\\\/09\\\/Torre-Vitrvm-11.jpg&quot;},{&quot;src&quot;:&quot;https:\\\/\\\/www.garciafaura.com\\\/wp-content\\\/uploads\\\/2019\\\/09\\\/Torre-Vitrvm-10.jpg&quot;},{&quot;src&quot;:&quot;https:\\\/\\\/www.garciafaura.com\\\/wp-content\\\/uploads\\\/2019\\\/09\\\/Torre-Vitrvm-09.jpg&quot;},{&quot;src&quot;:&quot;https:\\\/\\\/www.garciafaura.com\\\/wp-content\\\/uploads\\\/2019\\\/09\\\/Torre-Vitrvm-08.jpg&quot;},{&quot;src&quot;:&quot;https:\\\/\\\/www.garciafaura.com\\\/wp-content\\\/uploads\\\/2019\\\/09\\\/Torre-Vitrvm-07.jpg&quot;},{&quot;src&quot;:&quot;https:\\\/\\\/www.garciafaura.com\\\/wp-content\\\/uploads\\\/2019\\\/09\\\/Torre-Vitrvm-06.jpg&quot;},{&quot;src&quot;:&quot;https:\\\/\\\/www.garciafaura.com\\\/wp-content\\\/uploads\\\/2019\\\/09\\\/Torre-Vitrvm-05.jpg&quot;},{&quot;src&quot;:&quot;https:\\\/\\\/www.garciafaura.com\\\/wp-content\\\/uploads\\\/2019\\\/09\\\/Torre-Vitrvm-04.jpg&quot;},{&quot;src&quot;:&quot;https:\\\/\\\/www.garciafaura.com\\\/wp-content\\\/uploads\\\/2019\\\/09\\\/Torre-Vitrvm-03.jpg&quot;},{&quot;src&quot;:&quot;https:\\\/\\\/www.garciafaura.com\\\/wp-content\\\/uploads\\\/2019\\\/09\\\/Torre-Vitrvm-02.jpg&quot;}]\"><img loading=\"lazy\" decoding=\"async\" data-no-lazy=\"1\" class=\"portfolio-entry-img skip-lazy\" src=\"https:\/\/www.garciafaura.com\/wp-content\/uploads\/2019\/09\/Torre-Vitrvm-01-600x314.jpg\" alt='' data-no-retina width=\"600\" height=\"314\" \/><\/a><\/div><div class=\"portfolio-entry-details entry-details wpex-clr\"><h2 class=\"portfolio-entry-title entry-title\"><a href=\"https:\/\/www.garciafaura.com\/fr\/portfolio-item\/torre-vitrvm\/\" title=\"Tour Vitrvm\">Tour Vitrvm<\/a><\/h2><div class=\"portfolio-entry-categories entry-categories wpex-clr\"><a href=\"https:\/\/www.garciafaura.com\/fr\/portfolio-category\/ensembles-residentiels\/\" class=\"term-77\">Ensembles r\u00e9sidentiels<\/a><\/div><\/div><\/div><\/div><div class=\"portfolio-entry vcex-grid-item entry-has-details span_1_of_3 col col-2 vcex-isotope-entry vcex-no-margin-entry post-22810 entry type-portfolio has-media cat-92 cat-93 cat-95 cat-96 cat-97 cat-98 translation_priority-5\"><div class=\"portfolio-entry-inner entry-inner wpex-clr\"><div class=\"portfolio-entry-media entry-media wpex-clr\"><a href=\"https:\/\/www.garciafaura.com\/wp-content\/uploads\/2021\/01\/OBH-Luxemburg-08.jpg\" title=\"Bureaux et h\u00f4tel \u00e0 Luxembourg\" class=\"portfolio-entry-media-link wpex-lightbox-gallery\" data-gallery=\"[{&quot;src&quot;:&quot;https:\\\/\\\/www.garciafaura.com\\\/wp-content\\\/uploads\\\/2021\\\/01\\\/OBH-Luxemburg-08.jpg&quot;},{&quot;src&quot;:&quot;https:\\\/\\\/www.garciafaura.com\\\/wp-content\\\/uploads\\\/2021\\\/01\\\/OBH-Luxemburg-07.jpg&quot;},{&quot;src&quot;:&quot;https:\\\/\\\/www.garciafaura.com\\\/wp-content\\\/uploads\\\/2021\\\/01\\\/OBH-Luxemburg-06.jpg&quot;},{&quot;src&quot;:&quot;https:\\\/\\\/www.garciafaura.com\\\/wp-content\\\/uploads\\\/2021\\\/01\\\/OBH-Luxemburg-05.jpg&quot;},{&quot;src&quot;:&quot;https:\\\/\\\/www.garciafaura.com\\\/wp-content\\\/uploads\\\/2021\\\/01\\\/OBH-Luxemburg-04.jpg&quot;},{&quot;src&quot;:&quot;https:\\\/\\\/www.garciafaura.com\\\/wp-content\\\/uploads\\\/2021\\\/01\\\/OBH-Luxemburg-03.jpg&quot;},{&quot;src&quot;:&quot;https:\\\/\\\/www.garciafaura.com\\\/wp-content\\\/uploads\\\/2021\\\/01\\\/OBH-Luxemburg-02.jpg&quot;},{&quot;src&quot;:&quot;https:\\\/\\\/www.garciafaura.com\\\/wp-content\\\/uploads\\\/2021\\\/01\\\/OBH-Luxemburg-01.jpg&quot;}]\"><img loading=\"lazy\" decoding=\"async\" data-no-lazy=\"1\" class=\"portfolio-entry-img skip-lazy\" src=\"https:\/\/www.garciafaura.com\/wp-content\/uploads\/2021\/01\/OBH-Luxemburg-08-600x314.jpg\" alt='' data-no-retina width=\"600\" height=\"314\" \/><\/a><\/div><div class=\"portfolio-entry-details entry-details wpex-clr\"><h2 class=\"portfolio-entry-title entry-title\"><a href=\"https:\/\/www.garciafaura.com\/fr\/portfolio-item\/complex-de-bureaux-et-hotel-a-luxembourg\/\" title=\"Bureaux et h\u00f4tel \u00e0 Luxembourg\">Bureaux et h\u00f4tel \u00e0 Luxembourg<\/a><\/h2><div class=\"portfolio-entry-categories entry-categories wpex-clr\"><a href=\"https:\/\/www.garciafaura.com\/fr\/portfolio-category\/facades-remarquables\/\" class=\"term-95\">Fa\u00e7ades Remarquables<\/a><\/div><\/div><\/div><\/div><div class=\"portfolio-entry vcex-grid-item entry-has-details span_1_of_3 col col-3 vcex-isotope-entry vcex-no-margin-entry post-20691 entry type-portfolio has-media cat-69 cat-102 cat-97 cat-98 translation_priority-5\"><div class=\"portfolio-entry-inner entry-inner wpex-clr\"><div class=\"portfolio-entry-media entry-media wpex-clr\"><a href=\"https:\/\/www.garciafaura.com\/wp-content\/uploads\/2018\/10\/Colombia-OFI7-09.jpg\" title=\"OFI7 Centre d&rsquo;Affaires\" class=\"portfolio-entry-media-link wpex-lightbox-gallery\" data-gallery=\"[{&quot;src&quot;:&quot;https:\\\/\\\/www.garciafaura.com\\\/wp-content\\\/uploads\\\/2018\\\/10\\\/Colombia-OFI7-09.jpg&quot;,&quot;title&quot;:&quot;Fermetures en aluminium \\u00e0 haute performance avec murs-rideaux et fa\\u00e7ades vitr\\u00e9es.&quot;},{&quot;src&quot;:&quot;https:\\\/\\\/www.garciafaura.com\\\/wp-content\\\/uploads\\\/2018\\\/10\\\/Colombia-OFI7-31.jpg&quot;,&quot;title&quot;:&quot;Tancaments d\\u2019alumini d\\u2019altes prestacions amb murs cortina i fa\\u00e7anes envidriades&quot;},{&quot;src&quot;:&quot;https:\\\/\\\/www.garciafaura.com\\\/wp-content\\\/uploads\\\/2018\\\/10\\\/Colombia-OFI7-30.jpg&quot;,&quot;title&quot;:&quot;Tancaments d\\u2019alumini d\\u2019altes prestacions amb murs cortina i fa\\u00e7anes envidriades&quot;},{&quot;src&quot;:&quot;https:\\\/\\\/www.garciafaura.com\\\/wp-content\\\/uploads\\\/2018\\\/10\\\/Colombia-OFI7-29.jpg&quot;,&quot;title&quot;:&quot;Tancaments d\\u2019alumini d\\u2019altes prestacions amb murs cortina i fa\\u00e7anes envidriades&quot;},{&quot;src&quot;:&quot;https:\\\/\\\/www.garciafaura.com\\\/wp-content\\\/uploads\\\/2018\\\/10\\\/Colombia-OFI7-28.jpg&quot;,&quot;title&quot;:&quot;Tancaments d\\u2019alumini d\\u2019altes prestacions amb murs cortina i fa\\u00e7anes envidriades&quot;},{&quot;src&quot;:&quot;https:\\\/\\\/www.garciafaura.com\\\/wp-content\\\/uploads\\\/2018\\\/10\\\/Colombia-OFI7-27.jpg&quot;,&quot;title&quot;:&quot;Tancaments d\\u2019alumini d\\u2019altes prestacions amb murs cortina i fa\\u00e7anes envidriades&quot;},{&quot;src&quot;:&quot;https:\\\/\\\/www.garciafaura.com\\\/wp-content\\\/uploads\\\/2018\\\/10\\\/Colombia-OFI7-26.jpg&quot;,&quot;title&quot;:&quot;Tancaments d\\u2019alumini d\\u2019altes prestacions amb murs cortina i fa\\u00e7anes envidriades&quot;},{&quot;src&quot;:&quot;https:\\\/\\\/www.garciafaura.com\\\/wp-content\\\/uploads\\\/2018\\\/10\\\/Colombia-OFI7-25.jpg&quot;,&quot;title&quot;:&quot;Tancaments d\\u2019alumini d\\u2019altes prestacions amb murs cortina i fa\\u00e7anes envidriades&quot;},{&quot;src&quot;:&quot;https:\\\/\\\/www.garciafaura.com\\\/wp-content\\\/uploads\\\/2018\\\/10\\\/Colombia-OFI7-24.jpg&quot;,&quot;title&quot;:&quot;Tancaments d\\u2019alumini d\\u2019altes prestacions amb murs cortina i fa\\u00e7anes envidriades&quot;},{&quot;src&quot;:&quot;https:\\\/\\\/www.garciafaura.com\\\/wp-content\\\/uploads\\\/2018\\\/10\\\/Colombia-OFI7-23.jpg&quot;,&quot;title&quot;:&quot;Tancaments d\\u2019alumini d\\u2019altes prestacions amb murs cortina i fa\\u00e7anes envidriades&quot;},{&quot;src&quot;:&quot;https:\\\/\\\/www.garciafaura.com\\\/wp-content\\\/uploads\\\/2018\\\/10\\\/Colombia-OFI7-22.jpg&quot;,&quot;title&quot;:&quot;Tancaments d\\u2019alumini d\\u2019altes prestacions amb murs cortina i fa\\u00e7anes envidriades&quot;},{&quot;src&quot;:&quot;https:\\\/\\\/www.garciafaura.com\\\/wp-content\\\/uploads\\\/2018\\\/10\\\/Colombia-OFI7-21.jpg&quot;,&quot;title&quot;:&quot;Tancaments d\\u2019alumini d\\u2019altes prestacions amb murs cortina i fa\\u00e7anes envidriades&quot;},{&quot;src&quot;:&quot;https:\\\/\\\/www.garciafaura.com\\\/wp-content\\\/uploads\\\/2018\\\/10\\\/Colombia-OFI7-20.jpg&quot;,&quot;title&quot;:&quot;Tancaments d\\u2019alumini d\\u2019altes prestacions amb murs cortina i fa\\u00e7anes envidriades&quot;},{&quot;src&quot;:&quot;https:\\\/\\\/www.garciafaura.com\\\/wp-content\\\/uploads\\\/2018\\\/10\\\/Colombia-OFI7-19.jpg&quot;,&quot;title&quot;:&quot;Tancaments d\\u2019alumini d\\u2019altes prestacions amb murs cortina i fa\\u00e7anes envidriades&quot;},{&quot;src&quot;:&quot;https:\\\/\\\/www.garciafaura.com\\\/wp-content\\\/uploads\\\/2018\\\/10\\\/Colombia-OFI7-18.jpg&quot;,&quot;title&quot;:&quot;Tancaments d\\u2019alumini d\\u2019altes prestacions amb murs cortina i fa\\u00e7anes envidriades&quot;},{&quot;src&quot;:&quot;https:\\\/\\\/www.garciafaura.com\\\/wp-content\\\/uploads\\\/2018\\\/10\\\/Colombia-OFI7-17.jpg&quot;,&quot;title&quot;:&quot;Tancaments d\\u2019alumini d\\u2019altes prestacions amb murs cortina i fa\\u00e7anes envidriades&quot;},{&quot;src&quot;:&quot;https:\\\/\\\/www.garciafaura.com\\\/wp-content\\\/uploads\\\/2018\\\/10\\\/Colombia-OFI7-16.jpg&quot;,&quot;title&quot;:&quot;Tancaments d\\u2019alumini d\\u2019altes prestacions amb murs cortina i fa\\u00e7anes envidriades&quot;},{&quot;src&quot;:&quot;https:\\\/\\\/www.garciafaura.com\\\/wp-content\\\/uploads\\\/2018\\\/10\\\/Colombia-OFI7-15.jpg&quot;,&quot;title&quot;:&quot;Tancaments d\\u2019alumini d\\u2019altes prestacions amb murs cortina i fa\\u00e7anes envidriades&quot;},{&quot;src&quot;:&quot;https:\\\/\\\/www.garciafaura.com\\\/wp-content\\\/uploads\\\/2018\\\/10\\\/Colombia-OFI7-14.jpg&quot;,&quot;title&quot;:&quot;Tancaments d\\u2019alumini d\\u2019altes prestacions amb murs cortina i fa\\u00e7anes envidriades&quot;},{&quot;src&quot;:&quot;https:\\\/\\\/www.garciafaura.com\\\/wp-content\\\/uploads\\\/2018\\\/10\\\/Colombia-OFI7-13.jpg&quot;,&quot;title&quot;:&quot;Tancaments d\\u2019alumini d\\u2019altes prestacions amb murs cortina i fa\\u00e7anes envidriades&quot;},{&quot;src&quot;:&quot;https:\\\/\\\/www.garciafaura.com\\\/wp-content\\\/uploads\\\/2018\\\/10\\\/Colombia-OFI7-12.jpg&quot;,&quot;title&quot;:&quot;Tancaments d\\u2019alumini d\\u2019altes prestacions amb murs cortina i fa\\u00e7anes envidriades&quot;},{&quot;src&quot;:&quot;https:\\\/\\\/www.garciafaura.com\\\/wp-content\\\/uploads\\\/2018\\\/10\\\/Colombia-OFI7-11.jpg&quot;,&quot;title&quot;:&quot;Tancaments d\\u2019alumini d\\u2019altes prestacions amb murs cortina i fa\\u00e7anes envidriades&quot;},{&quot;src&quot;:&quot;https:\\\/\\\/www.garciafaura.com\\\/wp-content\\\/uploads\\\/2018\\\/10\\\/Colombia-OFI7-10.jpg&quot;,&quot;title&quot;:&quot;Tancaments d\\u2019alumini d\\u2019altes prestacions amb murs cortina i fa\\u00e7anes envidriades&quot;},{&quot;src&quot;:&quot;https:\\\/\\\/www.garciafaura.com\\\/wp-content\\\/uploads\\\/2018\\\/10\\\/Colombia-OFI7-08.jpg&quot;,&quot;title&quot;:&quot;Tancaments d\\u2019alumini d\\u2019altes prestacions amb murs cortina i fa\\u00e7anes envidriades&quot;},{&quot;src&quot;:&quot;https:\\\/\\\/www.garciafaura.com\\\/wp-content\\\/uploads\\\/2018\\\/10\\\/Colombia-OFI7-07.jpg&quot;,&quot;title&quot;:&quot;Tancaments d\\u2019alumini d\\u2019altes prestacions amb murs cortina i fa\\u00e7anes envidriades&quot;},{&quot;src&quot;:&quot;https:\\\/\\\/www.garciafaura.com\\\/wp-content\\\/uploads\\\/2018\\\/10\\\/Colombia-OFI7-06.jpg&quot;,&quot;title&quot;:&quot;Tancaments d\\u2019alumini d\\u2019altes prestacions amb murs cortina i fa\\u00e7anes envidriades&quot;},{&quot;src&quot;:&quot;https:\\\/\\\/www.garciafaura.com\\\/wp-content\\\/uploads\\\/2018\\\/10\\\/Colombia-OFI7-05.jpg&quot;,&quot;title&quot;:&quot;Tancaments d\\u2019alumini d\\u2019altes prestacions amb murs cortina i fa\\u00e7anes envidriades&quot;},{&quot;src&quot;:&quot;https:\\\/\\\/www.garciafaura.com\\\/wp-content\\\/uploads\\\/2018\\\/10\\\/Colombia-OFI7-04.jpg&quot;,&quot;title&quot;:&quot;Tancaments d\\u2019alumini d\\u2019altes prestacions amb murs cortina i fa\\u00e7anes envidriades&quot;},{&quot;src&quot;:&quot;https:\\\/\\\/www.garciafaura.com\\\/wp-content\\\/uploads\\\/2018\\\/10\\\/Colombia-OFI7-03.jpg&quot;,&quot;title&quot;:&quot;Tancaments d\\u2019alumini d\\u2019altes prestacions amb murs cortina i fa\\u00e7anes envidriades&quot;},{&quot;src&quot;:&quot;https:\\\/\\\/www.garciafaura.com\\\/wp-content\\\/uploads\\\/2018\\\/10\\\/Colombia-OFI7-02.jpg&quot;,&quot;title&quot;:&quot;Tancaments d\\u2019alumini d\\u2019altes prestacions amb murs cortina i fa\\u00e7anes envidriades&quot;},{&quot;src&quot;:&quot;https:\\\/\\\/www.garciafaura.com\\\/wp-content\\\/uploads\\\/2018\\\/10\\\/Colombia-OFI7-01.jpg&quot;,&quot;title&quot;:&quot;Tancaments d\\u2019alumini d\\u2019altes prestacions amb murs cortina i fa\\u00e7anes envidriades&quot;}]\"><img loading=\"lazy\" decoding=\"async\" data-no-lazy=\"1\" class=\"portfolio-entry-img skip-lazy\" src=\"https:\/\/www.garciafaura.com\/wp-content\/uploads\/2018\/10\/Colombia-OFI7-09-600x314.jpg\" alt=\"Fermetures En Aluminium \u00e0 Haute Performance Avec Murs-rideaux Et Fa\u00e7ades Vitr\u00e9es.\" data-no-retina width=\"600\" height=\"314\" \/><\/a><\/div><div class=\"portfolio-entry-details entry-details wpex-clr\"><h2 class=\"portfolio-entry-title entry-title\"><a href=\"https:\/\/www.garciafaura.com\/fr\/portfolio-item\/ofi7-centre-daffaires\/\" title=\"OFI7 Centre d&rsquo;Affaires\">OFI7 Centre d&rsquo;Affaires<\/a><\/h2><div class=\"portfolio-entry-categories entry-categories wpex-clr\"><a href=\"https:\/\/www.garciafaura.com\/fr\/portfolio-category\/batiments-corporatifs\/\" class=\"term-69\">B\u00e2timents Corporatifs<\/a><\/div><\/div><\/div><\/div><div class=\"portfolio-entry vcex-grid-item entry-has-details span_1_of_3 col col-1 vcex-isotope-entry vcex-no-margin-entry post-20667 entry type-portfolio has-media cat-75 cat-92 cat-93 cat-95 cat-97 cat-98 translation_priority-5\"><div class=\"portfolio-entry-inner entry-inner wpex-clr\"><div class=\"portfolio-entry-media entry-media wpex-clr\"><a href=\"https:\/\/www.garciafaura.com\/wp-content\/uploads\/2018\/09\/Oceanario-Lisboa-04.jpg\" title=\"Agrandissement Oc\u00e9anarium de Lisbonne\" class=\"portfolio-entry-media-link wpex-lightbox-gallery\" data-gallery=\"[{&quot;src&quot;:&quot;https:\\\/\\\/www.garciafaura.com\\\/wp-content\\\/uploads\\\/2018\\\/09\\\/Oceanario-Lisboa-01.jpg&quot;},{&quot;src&quot;:&quot;https:\\\/\\\/www.garciafaura.com\\\/wp-content\\\/uploads\\\/2018\\\/09\\\/Oceanario-Lisboa-15.jpg&quot;},{&quot;src&quot;:&quot;https:\\\/\\\/www.garciafaura.com\\\/wp-content\\\/uploads\\\/2018\\\/09\\\/Oceanario-Lisboa-14.jpg&quot;},{&quot;src&quot;:&quot;https:\\\/\\\/www.garciafaura.com\\\/wp-content\\\/uploads\\\/2018\\\/09\\\/Oceanario-Lisboa-13.jpg&quot;},{&quot;src&quot;:&quot;https:\\\/\\\/www.garciafaura.com\\\/wp-content\\\/uploads\\\/2018\\\/09\\\/Oceanario-Lisboa-12.jpg&quot;},{&quot;src&quot;:&quot;https:\\\/\\\/www.garciafaura.com\\\/wp-content\\\/uploads\\\/2018\\\/09\\\/Oceanario-Lisboa-11.jpg&quot;},{&quot;src&quot;:&quot;https:\\\/\\\/www.garciafaura.com\\\/wp-content\\\/uploads\\\/2018\\\/09\\\/Oceanario-Lisboa-10.jpg&quot;},{&quot;src&quot;:&quot;https:\\\/\\\/www.garciafaura.com\\\/wp-content\\\/uploads\\\/2018\\\/09\\\/Oceanario-Lisboa-09.jpg&quot;},{&quot;src&quot;:&quot;https:\\\/\\\/www.garciafaura.com\\\/wp-content\\\/uploads\\\/2018\\\/09\\\/Oceanario-Lisboa-08.jpg&quot;},{&quot;src&quot;:&quot;https:\\\/\\\/www.garciafaura.com\\\/wp-content\\\/uploads\\\/2018\\\/09\\\/Oceanario-Lisboa-07.jpg&quot;},{&quot;src&quot;:&quot;https:\\\/\\\/www.garciafaura.com\\\/wp-content\\\/uploads\\\/2018\\\/09\\\/Oceanario-Lisboa-06.jpg&quot;},{&quot;src&quot;:&quot;https:\\\/\\\/www.garciafaura.com\\\/wp-content\\\/uploads\\\/2018\\\/09\\\/Oceanario-Lisboa-05.jpg&quot;},{&quot;src&quot;:&quot;https:\\\/\\\/www.garciafaura.com\\\/wp-content\\\/uploads\\\/2018\\\/09\\\/Oceanario-Lisboa-04.jpg&quot;},{&quot;src&quot;:&quot;https:\\\/\\\/www.garciafaura.com\\\/wp-content\\\/uploads\\\/2018\\\/09\\\/Oceanario-Lisboa-03.jpg&quot;},{&quot;src&quot;:&quot;https:\\\/\\\/www.garciafaura.com\\\/wp-content\\\/uploads\\\/2018\\\/09\\\/Oceanario-Lisboa-02.jpg&quot;}]\"><img loading=\"lazy\" decoding=\"async\" data-no-lazy=\"1\" class=\"portfolio-entry-img skip-lazy\" src=\"https:\/\/www.garciafaura.com\/wp-content\/uploads\/2018\/09\/Oceanario-Lisboa-04-600x314.jpg\" alt='' data-no-retina width=\"600\" height=\"314\" \/><\/a><\/div><div class=\"portfolio-entry-details entry-details wpex-clr\"><h2 class=\"portfolio-entry-title entry-title\"><a href=\"https:\/\/www.garciafaura.com\/fr\/portfolio-item\/agrandissement-de-loceanarium-de-lisbonne\/\" title=\"Agrandissement Oc\u00e9anarium de Lisbonne\">Agrandissement Oc\u00e9anarium de Lisbonne<\/a><\/h2><div class=\"portfolio-entry-categories entry-categories wpex-clr\"><a href=\"https:\/\/www.garciafaura.com\/fr\/portfolio-category\/batiments-de-services\/\" class=\"term-75\">B\u00e2timents de Services<\/a><\/div><\/div><\/div><\/div><div class=\"portfolio-entry vcex-grid-item entry-has-details span_1_of_3 col col-2 vcex-isotope-entry vcex-no-margin-entry post-20537 entry type-portfolio has-media cat-77 cat-97 cat-98 translation_priority-5\"><div class=\"portfolio-entry-inner entry-inner wpex-clr\"><div class=\"portfolio-entry-media entry-media wpex-clr\"><a href=\"https:\/\/www.garciafaura.com\/wp-content\/uploads\/2019\/03\/11264-01.jpg\" title=\"B\u00e2timent Alaia\" class=\"portfolio-entry-media-link wpex-lightbox-gallery\" data-gallery=\"[{&quot;src&quot;:&quot;https:\\\/\\\/www.garciafaura.com\\\/wp-content\\\/uploads\\\/2019\\\/03\\\/11264-01.jpg&quot;,&quot;title&quot;:&quot;COLOMBIA ALAIA&quot;},{&quot;src&quot;:&quot;https:\\\/\\\/www.garciafaura.com\\\/wp-content\\\/uploads\\\/2019\\\/03\\\/11264-05.jpg&quot;,&quot;title&quot;:&quot;COLOMBIA ALAIA&quot;},{&quot;src&quot;:&quot;https:\\\/\\\/www.garciafaura.com\\\/wp-content\\\/uploads\\\/2019\\\/03\\\/11264-04.jpg&quot;,&quot;title&quot;:&quot;COLOMBIA ALAIA&quot;},{&quot;src&quot;:&quot;https:\\\/\\\/www.garciafaura.com\\\/wp-content\\\/uploads\\\/2019\\\/03\\\/11264-03.jpg&quot;,&quot;title&quot;:&quot;COLOMBIA ALAIA&quot;},{&quot;src&quot;:&quot;https:\\\/\\\/www.garciafaura.com\\\/wp-content\\\/uploads\\\/2019\\\/03\\\/11264-02.jpg&quot;,&quot;title&quot;:&quot;COLOMBIA ALAIA&quot;}]\"><img loading=\"lazy\" decoding=\"async\" data-no-lazy=\"1\" class=\"portfolio-entry-img skip-lazy\" src=\"https:\/\/www.garciafaura.com\/wp-content\/uploads\/2019\/03\/11264-01-600x314.jpg\" alt=\"COLOMBIA ALAIA\" data-no-retina width=\"600\" height=\"314\" \/><\/a><\/div><div class=\"portfolio-entry-details entry-details wpex-clr\"><h2 class=\"portfolio-entry-title entry-title\"><a href=\"https:\/\/www.garciafaura.com\/fr\/portfolio-item\/batiment-alaia\/\" title=\"B\u00e2timent Alaia\">B\u00e2timent Alaia<\/a><\/h2><div class=\"portfolio-entry-categories entry-categories wpex-clr\"><a href=\"https:\/\/www.garciafaura.com\/fr\/portfolio-category\/ensembles-residentiels\/\" class=\"term-77\">Ensembles r\u00e9sidentiels<\/a><\/div><\/div><\/div><\/div><div class=\"portfolio-entry vcex-grid-item entry-has-details span_1_of_3 col col-3 vcex-isotope-entry vcex-no-margin-entry post-20525 entry type-portfolio has-media cat-97 translation_priority-5\"><div class=\"portfolio-entry-inner entry-inner wpex-clr\"><div class=\"portfolio-entry-media entry-media wpex-clr\"><a href=\"https:\/\/www.garciafaura.com\/wp-content\/uploads\/2018\/10\/Colo\u0300mbia-Altos-de-la-Sierra-00.jpg\" title=\"Promotion Altos de la Sierra\" class=\"portfolio-entry-media-link wpex-lightbox-gallery\" data-gallery=\"[{&quot;src&quot;:&quot;https:\\\/\\\/www.garciafaura.com\\\/wp-content\\\/uploads\\\/2018\\\/10\\\/Colo\\u0300mbia-Altos-de-la-Sierra-00.jpg&quot;},{&quot;src&quot;:&quot;https:\\\/\\\/www.garciafaura.com\\\/wp-content\\\/uploads\\\/2018\\\/10\\\/Colo\\u0300mbia-Altos-de-la-Sierra-01.jpg&quot;}]\"><img decoding=\"async\" data-no-lazy=\"1\" class=\"portfolio-entry-img skip-lazy\" src=\"https:\/\/www.garciafaura.com\/wp-content\/uploads\/2018\/10\/Colo\u0300mbia-Altos-de-la-Sierra-00-x.jpg\" alt='' data-no-retina \/><\/a><\/div><div class=\"portfolio-entry-details entry-details wpex-clr\"><h2 class=\"portfolio-entry-title entry-title\"><a href=\"https:\/\/www.garciafaura.com\/fr\/portfolio-item\/promotion-altos-de-la-sierra\/\" title=\"Promotion Altos de la Sierra\">Promotion Altos de la Sierra<\/a><\/h2><div class=\"portfolio-entry-categories entry-categories wpex-clr\"><a href=\"https:\/\/www.garciafaura.com\/fr\/portfolio-category\/international-fr\/\" class=\"term-97\">International<\/a><\/div><\/div><\/div><\/div><div class=\"portfolio-entry vcex-grid-item entry-has-details span_1_of_3 col col-1 vcex-isotope-entry vcex-no-margin-entry post-20524 entry type-portfolio has-media cat-75 cat-92 cat-93 cat-95 cat-97 cat-98 translation_priority-5\"><div class=\"portfolio-entry-inner entry-inner wpex-clr\"><div class=\"portfolio-entry-media entry-media wpex-clr\"><a href=\"https:\/\/www.garciafaura.com\/wp-content\/uploads\/2018\/10\/Centro-Gestio\u0301n-Aeroportuaria-01.jpg\" title=\"Centre Gestion des A\u00e9roports de Colombie\" class=\"portfolio-entry-media-link wpex-lightbox-gallery\" data-gallery=\"[{&quot;src&quot;:&quot;https:\\\/\\\/www.garciafaura.com\\\/wp-content\\\/uploads\\\/2018\\\/10\\\/Centro-Gestio\\u0301n-Aeroportuaria-01.jpg&quot;},{&quot;src&quot;:&quot;https:\\\/\\\/www.garciafaura.com\\\/wp-content\\\/uploads\\\/2018\\\/10\\\/Centro-Gestio\\u0301n-Aeroportuaria-11.jpg&quot;},{&quot;src&quot;:&quot;https:\\\/\\\/www.garciafaura.com\\\/wp-content\\\/uploads\\\/2018\\\/10\\\/Centro-Gestio\\u0301n-Aeroportuaria-10.jpg&quot;},{&quot;src&quot;:&quot;https:\\\/\\\/www.garciafaura.com\\\/wp-content\\\/uploads\\\/2018\\\/10\\\/Centro-Gestio\\u0301n-Aeroportuaria-09.jpg&quot;},{&quot;src&quot;:&quot;https:\\\/\\\/www.garciafaura.com\\\/wp-content\\\/uploads\\\/2018\\\/10\\\/Centro-Gestio\\u0301n-Aeroportuaria-08.jpg&quot;},{&quot;src&quot;:&quot;https:\\\/\\\/www.garciafaura.com\\\/wp-content\\\/uploads\\\/2018\\\/10\\\/Centro-Gestio\\u0301n-Aeroportuaria-07.jpg&quot;},{&quot;src&quot;:&quot;https:\\\/\\\/www.garciafaura.com\\\/wp-content\\\/uploads\\\/2018\\\/10\\\/Centro-Gestio\\u0301n-Aeroportuaria-06.jpg&quot;},{&quot;src&quot;:&quot;https:\\\/\\\/www.garciafaura.com\\\/wp-content\\\/uploads\\\/2018\\\/10\\\/Centro-Gestio\\u0301n-Aeroportuaria-05.jpg&quot;},{&quot;src&quot;:&quot;https:\\\/\\\/www.garciafaura.com\\\/wp-content\\\/uploads\\\/2018\\\/10\\\/Centro-Gestio\\u0301n-Aeroportuaria-04.jpg&quot;},{&quot;src&quot;:&quot;https:\\\/\\\/www.garciafaura.com\\\/wp-content\\\/uploads\\\/2018\\\/10\\\/Centro-Gestio\\u0301n-Aeroportuaria-03.jpg&quot;},{&quot;src&quot;:&quot;https:\\\/\\\/www.garciafaura.com\\\/wp-content\\\/uploads\\\/2018\\\/10\\\/Centro-Gestio\\u0301n-Aeroportuaria-02.jpg&quot;}]\"><img loading=\"lazy\" decoding=\"async\" data-no-lazy=\"1\" class=\"portfolio-entry-img skip-lazy\" src=\"https:\/\/www.garciafaura.com\/wp-content\/uploads\/2018\/10\/Centro-Gestio\u0301n-Aeroportuaria-01-600x314.jpg\" alt='' data-no-retina width=\"600\" height=\"314\" \/><\/a><\/div><div class=\"portfolio-entry-details entry-details wpex-clr\"><h2 class=\"portfolio-entry-title entry-title\"><a href=\"https:\/\/www.garciafaura.com\/fr\/portfolio-item\/centre-gestion-des-aeroports-de-colombie\/\" title=\"Centre Gestion des A\u00e9roports de Colombie\">Centre Gestion des A\u00e9roports de Colombie<\/a><\/h2><div class=\"portfolio-entry-categories entry-categories wpex-clr\"><a href=\"https:\/\/www.garciafaura.com\/fr\/portfolio-category\/batiments-de-services\/\" class=\"term-75\">B\u00e2timents de Services<\/a><\/div><\/div><\/div><\/div><div class=\"portfolio-entry vcex-grid-item entry-has-details span_1_of_3 col col-2 vcex-isotope-entry vcex-no-margin-entry post-20523 entry type-portfolio has-media cat-75 cat-92 cat-97 cat-98 translation_priority-5\"><div class=\"portfolio-entry-inner entry-inner wpex-clr\"><div class=\"portfolio-entry-media entry-media wpex-clr\"><a href=\"https:\/\/www.garciafaura.com\/wp-content\/uploads\/2018\/10\/Colo\u0300mbia-Torre-Control-El-Dorado-02.jpg\" title=\"Tour de Contr\u00f4le A\u00e9roport El Dorado\" class=\"portfolio-entry-media-link wpex-lightbox-gallery\" data-gallery=\"[{&quot;src&quot;:&quot;https:\\\/\\\/www.garciafaura.com\\\/wp-content\\\/uploads\\\/2018\\\/10\\\/Colo\\u0300mbia-Torre-Control-El-Dorado-01.jpg&quot;},{&quot;src&quot;:&quot;https:\\\/\\\/www.garciafaura.com\\\/wp-content\\\/uploads\\\/2018\\\/10\\\/Colo\\u0300mbia-Torre-Control-El-Dorado-09.jpg&quot;},{&quot;src&quot;:&quot;https:\\\/\\\/www.garciafaura.com\\\/wp-content\\\/uploads\\\/2018\\\/10\\\/Colo\\u0300mbia-Torre-Control-El-Dorado-08.jpg&quot;},{&quot;src&quot;:&quot;https:\\\/\\\/www.garciafaura.com\\\/wp-content\\\/uploads\\\/2018\\\/10\\\/Colo\\u0300mbia-Torre-Control-El-Dorado-07.jpg&quot;},{&quot;src&quot;:&quot;https:\\\/\\\/www.garciafaura.com\\\/wp-content\\\/uploads\\\/2018\\\/10\\\/Colo\\u0300mbia-Torre-Control-El-Dorado-06.jpg&quot;},{&quot;src&quot;:&quot;https:\\\/\\\/www.garciafaura.com\\\/wp-content\\\/uploads\\\/2018\\\/10\\\/Colo\\u0300mbia-Torre-Control-El-Dorado-05.jpg&quot;},{&quot;src&quot;:&quot;https:\\\/\\\/www.garciafaura.com\\\/wp-content\\\/uploads\\\/2018\\\/10\\\/Colo\\u0300mbia-Torre-Control-El-Dorado-04.jpg&quot;},{&quot;src&quot;:&quot;https:\\\/\\\/www.garciafaura.com\\\/wp-content\\\/uploads\\\/2018\\\/10\\\/Colo\\u0300mbia-Torre-Control-El-Dorado-03.jpg&quot;},{&quot;src&quot;:&quot;https:\\\/\\\/www.garciafaura.com\\\/wp-content\\\/uploads\\\/2018\\\/10\\\/Colo\\u0300mbia-Torre-Control-El-Dorado-02.jpg&quot;}]\"><img loading=\"lazy\" decoding=\"async\" data-no-lazy=\"1\" class=\"portfolio-entry-img skip-lazy\" src=\"https:\/\/www.garciafaura.com\/wp-content\/uploads\/2018\/10\/Colo\u0300mbia-Torre-Control-El-Dorado-02-600x314.jpg\" alt='' data-no-retina width=\"600\" height=\"314\" \/><\/a><\/div><div class=\"portfolio-entry-details entry-details wpex-clr\"><h2 class=\"portfolio-entry-title entry-title\"><a href=\"https:\/\/www.garciafaura.com\/fr\/portfolio-item\/tour-de-controle-aeroport-el-dorado\/\" title=\"Tour de Contr\u00f4le A\u00e9roport El Dorado\">Tour de Contr\u00f4le A\u00e9roport El Dorado<\/a><\/h2><div class=\"portfolio-entry-categories entry-categories wpex-clr\"><a href=\"https:\/\/www.garciafaura.com\/fr\/portfolio-category\/batiments-de-services\/\" class=\"term-75\">B\u00e2timents de Services<\/a><\/div><\/div><\/div><\/div><div class=\"portfolio-entry vcex-grid-item entry-has-details span_1_of_3 col col-3 vcex-isotope-entry vcex-no-margin-entry post-20499 entry type-portfolio has-media cat-97 translation_priority-5\"><div class=\"portfolio-entry-inner entry-inner wpex-clr\"><div class=\"portfolio-entry-media entry-media wpex-clr\"><a href=\"https:\/\/www.garciafaura.com\/wp-content\/uploads\/2018\/11\/Tribunal-Electoral-Panama\u0301-01.jpg\" title=\"Tribunal \u00c9lectoral du Panam\u00e1\" class=\"portfolio-entry-media-link wpex-lightbox-gallery\" data-gallery=\"[{&quot;src&quot;:&quot;https:\\\/\\\/www.garciafaura.com\\\/wp-content\\\/uploads\\\/2018\\\/11\\\/Tribunal-Electoral-Panama\\u0301-01.jpg&quot;,&quot;title&quot;:&quot;Ensemble de rampes en fer et rev\\u00eatement de panneau en ciment et bois&quot;},{&quot;src&quot;:&quot;https:\\\/\\\/www.garciafaura.com\\\/wp-content\\\/uploads\\\/2018\\\/11\\\/Tribunal-Electoral-Panama\\u0301-21.jpg&quot;,&quot;title&quot;:&quot;Ensemble de rampes en fer et rev\\u00eatement de panneau en ciment et bois&quot;},{&quot;src&quot;:&quot;https:\\\/\\\/www.garciafaura.com\\\/wp-content\\\/uploads\\\/2018\\\/11\\\/Tribunal-Electoral-Panama\\u0301-20.jpg&quot;,&quot;title&quot;:&quot;Ensemble de rampes en fer et rev\\u00eatement de panneau en ciment et bois&quot;},{&quot;src&quot;:&quot;https:\\\/\\\/www.garciafaura.com\\\/wp-content\\\/uploads\\\/2018\\\/11\\\/Tribunal-Electoral-Panama\\u0301-19.jpg&quot;,&quot;title&quot;:&quot;Ensemble de rampes en fer et rev\\u00eatement de panneau en ciment et bois&quot;},{&quot;src&quot;:&quot;https:\\\/\\\/www.garciafaura.com\\\/wp-content\\\/uploads\\\/2018\\\/11\\\/Tribunal-Electoral-Panama\\u0301-18.jpg&quot;,&quot;title&quot;:&quot;Ensemble de rampes en fer et rev\\u00eatement de panneau en ciment et bois&quot;},{&quot;src&quot;:&quot;https:\\\/\\\/www.garciafaura.com\\\/wp-content\\\/uploads\\\/2018\\\/11\\\/Tribunal-Electoral-Panama\\u0301-17.jpg&quot;,&quot;title&quot;:&quot;Ensemble de rampes en fer et rev\\u00eatement de panneau en ciment et bois&quot;},{&quot;src&quot;:&quot;https:\\\/\\\/www.garciafaura.com\\\/wp-content\\\/uploads\\\/2018\\\/11\\\/Tribunal-Electoral-Panama\\u0301-16.jpg&quot;,&quot;title&quot;:&quot;Ensemble de rampes en fer et rev\\u00eatement de panneau en ciment et bois&quot;},{&quot;src&quot;:&quot;https:\\\/\\\/www.garciafaura.com\\\/wp-content\\\/uploads\\\/2018\\\/11\\\/Tribunal-Electoral-Panama\\u0301-15.jpg&quot;,&quot;title&quot;:&quot;Ensemble de rampes en fer et rev\\u00eatement de panneau en ciment et bois&quot;},{&quot;src&quot;:&quot;https:\\\/\\\/www.garciafaura.com\\\/wp-content\\\/uploads\\\/2018\\\/11\\\/Tribunal-Electoral-Panama\\u0301-14.jpg&quot;,&quot;title&quot;:&quot;Ensemble de rampes en fer et rev\\u00eatement de panneau en ciment et bois&quot;},{&quot;src&quot;:&quot;https:\\\/\\\/www.garciafaura.com\\\/wp-content\\\/uploads\\\/2018\\\/11\\\/Tribunal-Electoral-Panama\\u0301-13.jpg&quot;,&quot;title&quot;:&quot;Ensemble de rampes en fer et rev\\u00eatement de panneau en ciment et bois&quot;},{&quot;src&quot;:&quot;https:\\\/\\\/www.garciafaura.com\\\/wp-content\\\/uploads\\\/2018\\\/11\\\/Tribunal-Electoral-Panama\\u0301-12.jpg&quot;,&quot;title&quot;:&quot;Ensemble de rampes en fer et rev\\u00eatement de panneau en ciment et bois&quot;},{&quot;src&quot;:&quot;https:\\\/\\\/www.garciafaura.com\\\/wp-content\\\/uploads\\\/2018\\\/11\\\/Tribunal-Electoral-Panama\\u0301-11.jpg&quot;,&quot;title&quot;:&quot;Ensemble de rampes en fer et rev\\u00eatement de panneau en ciment et bois&quot;},{&quot;src&quot;:&quot;https:\\\/\\\/www.garciafaura.com\\\/wp-content\\\/uploads\\\/2018\\\/11\\\/Tribunal-Electoral-Panama\\u0301-10.jpg&quot;,&quot;title&quot;:&quot;Ensemble de rampes en fer et rev\\u00eatement de panneau en ciment et bois&quot;},{&quot;src&quot;:&quot;https:\\\/\\\/www.garciafaura.com\\\/wp-content\\\/uploads\\\/2018\\\/11\\\/Tribunal-Electoral-Panama\\u0301-09.jpg&quot;,&quot;title&quot;:&quot;Ensemble de rampes en fer et rev\\u00eatement de panneau en ciment et bois&quot;},{&quot;src&quot;:&quot;https:\\\/\\\/www.garciafaura.com\\\/wp-content\\\/uploads\\\/2018\\\/11\\\/Tribunal-Electoral-Panama\\u0301-08.jpg&quot;,&quot;title&quot;:&quot;Ensemble de rampes en fer et rev\\u00eatement de panneau en ciment et bois&quot;},{&quot;src&quot;:&quot;https:\\\/\\\/www.garciafaura.com\\\/wp-content\\\/uploads\\\/2018\\\/11\\\/Tribunal-Electoral-Panama\\u0301-07.jpg&quot;,&quot;title&quot;:&quot;Ensemble de rampes en fer et rev\\u00eatement de panneau en ciment et bois&quot;},{&quot;src&quot;:&quot;https:\\\/\\\/www.garciafaura.com\\\/wp-content\\\/uploads\\\/2018\\\/11\\\/Tribunal-Electoral-Panama\\u0301-06.jpg&quot;,&quot;title&quot;:&quot;Ensemble de rampes en fer et rev\\u00eatement de panneau en ciment et bois&quot;},{&quot;src&quot;:&quot;https:\\\/\\\/www.garciafaura.com\\\/wp-content\\\/uploads\\\/2018\\\/11\\\/Tribunal-Electoral-Panama\\u0301-05.jpg&quot;,&quot;title&quot;:&quot;Ensemble de rampes en fer et rev\\u00eatement de panneau en ciment et bois&quot;},{&quot;src&quot;:&quot;https:\\\/\\\/www.garciafaura.com\\\/wp-content\\\/uploads\\\/2018\\\/11\\\/Tribunal-Electoral-Panama\\u0301-04.jpg&quot;,&quot;title&quot;:&quot;Ensemble de rampes en fer et rev\\u00eatement de panneau en ciment et bois&quot;},{&quot;src&quot;:&quot;https:\\\/\\\/www.garciafaura.com\\\/wp-content\\\/uploads\\\/2018\\\/11\\\/Tribunal-Electoral-Panama\\u0301-03.jpg&quot;,&quot;title&quot;:&quot;Ensemble de rampes en fer et rev\\u00eatement de panneau en ciment et bois&quot;},{&quot;src&quot;:&quot;https:\\\/\\\/www.garciafaura.com\\\/wp-content\\\/uploads\\\/2018\\\/11\\\/Tribunal-Electoral-Panama\\u0301-02.jpg&quot;,&quot;title&quot;:&quot;Ensemble de rampes en fer et rev\\u00eatement de panneau en ciment et bois&quot;}]\"><img decoding=\"async\" data-no-lazy=\"1\" class=\"portfolio-entry-img skip-lazy\" src=\"https:\/\/www.garciafaura.com\/wp-content\/uploads\/2018\/11\/Tribunal-Electoral-Panama\u0301-01-x.jpg\" alt=\"Ensemble De Rampes En Fer Et Rev\u00eatement De Panneau En Ciment Et Bois\" data-no-retina \/><\/a><\/div><div class=\"portfolio-entry-details entry-details wpex-clr\"><h2 class=\"portfolio-entry-title entry-title\"><a href=\"https:\/\/www.garciafaura.com\/fr\/portfolio-item\/tribunal-electoral-du-panama\/\" title=\"Tribunal \u00c9lectoral du Panam\u00e1\">Tribunal \u00c9lectoral du Panam\u00e1<\/a><\/h2><div class=\"portfolio-entry-categories entry-categories wpex-clr\"><a href=\"https:\/\/www.garciafaura.com\/fr\/portfolio-category\/international-fr\/\" class=\"term-97\">International<\/a><\/div><\/div><\/div><\/div><div class=\"portfolio-entry vcex-grid-item entry-has-details span_1_of_3 col col-1 vcex-isotope-entry vcex-no-margin-entry post-20475 entry type-portfolio has-media cat-97 translation_priority-5\"><div class=\"portfolio-entry-inner entry-inner wpex-clr\"><div class=\"portfolio-entry-media entry-media wpex-clr\"><a href=\"https:\/\/www.garciafaura.com\/wp-content\/uploads\/2018\/11\/Colombia-La-Calera-01.jpg\" title=\"Logement La Calera\" class=\"portfolio-entry-media-link wpex-lightbox-gallery\" data-gallery=\"[{&quot;src&quot;:&quot;https:\\\/\\\/www.garciafaura.com\\\/wp-content\\\/uploads\\\/2018\\\/11\\\/Colombia-La-Calera-01.jpg&quot;,&quot;title&quot;:&quot;Fen\\u00eatres \\u00e0 haut rendement technique et finition laqu\\u00e9e noire mate \\u00e0 La Calera (Colombie)&quot;},{&quot;src&quot;:&quot;https:\\\/\\\/www.garciafaura.com\\\/wp-content\\\/uploads\\\/2018\\\/11\\\/Colombia-La-Calera-04.jpg&quot;,&quot;title&quot;:&quot;Fen\\u00eatres \\u00e0 haut rendement technique et finition laqu\\u00e9e noire mate \\u00e0 La Calera (Colombie)&quot;},{&quot;src&quot;:&quot;https:\\\/\\\/www.garciafaura.com\\\/wp-content\\\/uploads\\\/2018\\\/11\\\/Colombia-La-Calera-02.jpg&quot;,&quot;title&quot;:&quot;Fen\\u00eatres \\u00e0 haut rendement technique et finition laqu\\u00e9e noire mate \\u00e0 La Calera (Colombie)&quot;},{&quot;src&quot;:&quot;https:\\\/\\\/www.garciafaura.com\\\/wp-content\\\/uploads\\\/2018\\\/11\\\/Colombia-La-Calera-03.jpg&quot;,&quot;title&quot;:&quot;Fen\\u00eatres \\u00e0 haut rendement technique et finition laqu\\u00e9e noire mate \\u00e0 La Calera (Colombie)&quot;}]\"><img loading=\"lazy\" decoding=\"async\" data-no-lazy=\"1\" class=\"portfolio-entry-img skip-lazy\" src=\"https:\/\/www.garciafaura.com\/wp-content\/uploads\/2018\/11\/Colombia-La-Calera-01-600x314.jpg\" alt=\"Fen\u00eatres \u00e0 Haut Rendement Technique Et Finition Laqu\u00e9e Noire Mate \u00e0 La Calera (Colombie)\" data-no-retina width=\"600\" height=\"314\" \/><\/a><\/div><div class=\"portfolio-entry-details entry-details wpex-clr\"><h2 class=\"portfolio-entry-title entry-title\"><a href=\"https:\/\/www.garciafaura.com\/fr\/portfolio-item\/logement-la-calera\/\" title=\"Logement La Calera\">Logement La Calera<\/a><\/h2><div class=\"portfolio-entry-categories entry-categories wpex-clr\"><a href=\"https:\/\/www.garciafaura.com\/fr\/portfolio-category\/international-fr\/\" class=\"term-97\">International<\/a><\/div><\/div><\/div><\/div><div class=\"portfolio-entry vcex-grid-item entry-has-details span_1_of_3 col col-2 vcex-isotope-entry vcex-no-margin-entry post-20467 entry type-portfolio has-media cat-69 cat-93 cat-97 cat-98 translation_priority-5\"><div class=\"portfolio-entry-inner entry-inner wpex-clr\"><div class=\"portfolio-entry-media entry-media wpex-clr\"><a href=\"https:\/\/www.garciafaura.com\/wp-content\/uploads\/2018\/11\/Colombia-Centro-Empresarial-99-01.jpg\" title=\"Centre d&rsquo;affaires 99\" class=\"portfolio-entry-media-link wpex-lightbox-gallery\" data-gallery=\"[{&quot;src&quot;:&quot;https:\\\/\\\/www.garciafaura.com\\\/wp-content\\\/uploads\\\/2018\\\/11\\\/Colombia-Centro-Empresarial-99-01.jpg&quot;,&quot;title&quot;:&quot;Plus de 1400 m\\u00b2 de mur-rideau de capot horizontal de type aile d&#039;avion&quot;},{&quot;src&quot;:&quot;https:\\\/\\\/www.garciafaura.com\\\/wp-content\\\/uploads\\\/2018\\\/11\\\/Colombia-Centro-Empresarial-99-19.jpg&quot;,&quot;title&quot;:&quot;Plus de 1400 m\\u00b2 de mur-rideau de capot horizontal de type aile d&#039;avion&quot;},{&quot;src&quot;:&quot;https:\\\/\\\/www.garciafaura.com\\\/wp-content\\\/uploads\\\/2018\\\/11\\\/Colombia-Centro-Empresarial-99-18.jpg&quot;,&quot;title&quot;:&quot;Plus de 1400 m\\u00b2 de mur-rideau de capot horizontal de type aile d&#039;avion&quot;},{&quot;src&quot;:&quot;https:\\\/\\\/www.garciafaura.com\\\/wp-content\\\/uploads\\\/2018\\\/11\\\/Colombia-Centro-Empresarial-99-17.jpg&quot;,&quot;title&quot;:&quot;Plus de 1400 m\\u00b2 de mur-rideau de capot horizontal de type aile d&#039;avion&quot;},{&quot;src&quot;:&quot;https:\\\/\\\/www.garciafaura.com\\\/wp-content\\\/uploads\\\/2018\\\/11\\\/Colombia-Centro-Empresarial-99-16.jpg&quot;,&quot;title&quot;:&quot;Plus de 1400 m\\u00b2 de mur-rideau de capot horizontal de type aile d&#039;avion&quot;},{&quot;src&quot;:&quot;https:\\\/\\\/www.garciafaura.com\\\/wp-content\\\/uploads\\\/2018\\\/11\\\/Colombia-Centro-Empresarial-99-15.jpg&quot;,&quot;title&quot;:&quot;Plus de 1400 m\\u00b2 de mur-rideau de capot horizontal de type aile d&#039;avion&quot;},{&quot;src&quot;:&quot;https:\\\/\\\/www.garciafaura.com\\\/wp-content\\\/uploads\\\/2018\\\/11\\\/Colombia-Centro-Empresarial-99-14.jpg&quot;,&quot;title&quot;:&quot;Plus de 1400 m\\u00b2 de mur-rideau de capot horizontal de type aile d&#039;avion&quot;},{&quot;src&quot;:&quot;https:\\\/\\\/www.garciafaura.com\\\/wp-content\\\/uploads\\\/2018\\\/11\\\/Colombia-Centro-Empresarial-99-13.jpg&quot;,&quot;title&quot;:&quot;Plus de 1400 m\\u00b2 de mur-rideau de capot horizontal de type aile d&#039;avion&quot;},{&quot;src&quot;:&quot;https:\\\/\\\/www.garciafaura.com\\\/wp-content\\\/uploads\\\/2018\\\/11\\\/Colombia-Centro-Empresarial-99-12.jpg&quot;,&quot;title&quot;:&quot;Plus de 1400 m\\u00b2 de mur-rideau de capot horizontal de type aile d&#039;avion&quot;},{&quot;src&quot;:&quot;https:\\\/\\\/www.garciafaura.com\\\/wp-content\\\/uploads\\\/2018\\\/11\\\/Colombia-Centro-Empresarial-99-11.jpg&quot;,&quot;title&quot;:&quot;Plus de 1400 m\\u00b2 de mur-rideau de capot horizontal de type aile d&#039;avion&quot;},{&quot;src&quot;:&quot;https:\\\/\\\/www.garciafaura.com\\\/wp-content\\\/uploads\\\/2018\\\/11\\\/Colombia-Centro-Empresarial-99-10.jpg&quot;,&quot;title&quot;:&quot;Plus de 1400 m\\u00b2 de mur-rideau de capot horizontal de type aile d&#039;avion&quot;},{&quot;src&quot;:&quot;https:\\\/\\\/www.garciafaura.com\\\/wp-content\\\/uploads\\\/2018\\\/11\\\/Colombia-Centro-Empresarial-99-09.jpg&quot;,&quot;title&quot;:&quot;Plus de 1400 m\\u00b2 de mur-rideau de capot horizontal de type aile d&#039;avion&quot;},{&quot;src&quot;:&quot;https:\\\/\\\/www.garciafaura.com\\\/wp-content\\\/uploads\\\/2018\\\/11\\\/Colombia-Centro-Empresarial-99-08.jpg&quot;,&quot;title&quot;:&quot;Plus de 1400 m\\u00b2 de mur-rideau de capot horizontal de type aile d&#039;avion&quot;},{&quot;src&quot;:&quot;https:\\\/\\\/www.garciafaura.com\\\/wp-content\\\/uploads\\\/2018\\\/11\\\/Colombia-Centro-Empresarial-99-07.jpg&quot;,&quot;title&quot;:&quot;Plus de 1400 m\\u00b2 de mur-rideau de capot horizontal de type aile d&#039;avion&quot;},{&quot;src&quot;:&quot;https:\\\/\\\/www.garciafaura.com\\\/wp-content\\\/uploads\\\/2018\\\/11\\\/Colombia-Centro-Empresarial-99-06.jpg&quot;,&quot;title&quot;:&quot;Plus de 1400 m\\u00b2 de mur-rideau de capot horizontal de type aile d&#039;avion&quot;},{&quot;src&quot;:&quot;https:\\\/\\\/www.garciafaura.com\\\/wp-content\\\/uploads\\\/2018\\\/11\\\/Colombia-Centro-Empresarial-99-05.jpg&quot;,&quot;title&quot;:&quot;Plus de 1400 m\\u00b2 de mur-rideau de capot horizontal de type aile d&#039;avion&quot;},{&quot;src&quot;:&quot;https:\\\/\\\/www.garciafaura.com\\\/wp-content\\\/uploads\\\/2018\\\/11\\\/Colombia-Centro-Empresarial-99-04.jpg&quot;,&quot;title&quot;:&quot;Plus de 1400 m\\u00b2 de mur-rideau de capot horizontal de type aile d&#039;avion&quot;},{&quot;src&quot;:&quot;https:\\\/\\\/www.garciafaura.com\\\/wp-content\\\/uploads\\\/2018\\\/11\\\/Colombia-Centro-Empresarial-99-03.jpg&quot;,&quot;title&quot;:&quot;Plus de 1400 m\\u00b2 de mur-rideau de capot horizontal de type aile d&#039;avion&quot;},{&quot;src&quot;:&quot;https:\\\/\\\/www.garciafaura.com\\\/wp-content\\\/uploads\\\/2018\\\/11\\\/Colombia-Centro-Empresarial-99-02.jpg&quot;,&quot;title&quot;:&quot;Plus de 1400 m\\u00b2 de mur-rideau de capot horizontal de type aile d&#039;avion&quot;}]\"><img loading=\"lazy\" decoding=\"async\" data-no-lazy=\"1\" class=\"portfolio-entry-img skip-lazy\" src=\"https:\/\/www.garciafaura.com\/wp-content\/uploads\/2018\/11\/Colombia-Centro-Empresarial-99-01-600x314.jpg\" alt=\"Plus De 1400 M\u00b2 De Mur-rideau De Capot Horizontal De Type Aile D'avion\" data-no-retina width=\"600\" height=\"314\" \/><\/a><\/div><div class=\"portfolio-entry-details entry-details wpex-clr\"><h2 class=\"portfolio-entry-title entry-title\"><a href=\"https:\/\/www.garciafaura.com\/fr\/portfolio-item\/centre-daffaires-99\/\" title=\"Centre d&rsquo;affaires 99\">Centre d&rsquo;affaires 99<\/a><\/h2><div class=\"portfolio-entry-categories entry-categories wpex-clr\"><a href=\"https:\/\/www.garciafaura.com\/fr\/portfolio-category\/batiments-corporatifs\/\" class=\"term-69\">B\u00e2timents Corporatifs<\/a><\/div><\/div><\/div><\/div><div class=\"portfolio-entry vcex-grid-item entry-has-details span_1_of_3 col col-3 vcex-isotope-entry vcex-no-margin-entry post-20461 entry type-portfolio has-media cat-69 cat-102 cat-93 cat-95 cat-97 cat-98 cat-90 cat-101 translation_priority-5\"><div class=\"portfolio-entry-inner entry-inner wpex-clr\"><div class=\"portfolio-entry-media entry-media wpex-clr\"><a href=\"https:\/\/www.garciafaura.com\/wp-content\/uploads\/2019\/04\/02-Oficines-Boulevard-Grenelle-FotoSimonGarcia_arqfoto.jpg\" title=\"Boulevard Grenelle\" class=\"portfolio-entry-media-link wpex-lightbox-gallery\" data-gallery=\"[{&quot;src&quot;:&quot;https:\\\/\\\/www.garciafaura.com\\\/wp-content\\\/uploads\\\/2019\\\/04\\\/02-Oficines-Boulevard-Grenelle-FotoSimonGarcia_arqfoto.jpg&quot;,&quot;caption&quot;:&quot;\\u00a9 Simon Garcia | arqfoto.com&quot;},{&quot;src&quot;:&quot;https:\\\/\\\/www.garciafaura.com\\\/wp-content\\\/uploads\\\/2019\\\/04\\\/01-Oficines-Boulevard-Grenelle-FotoSimonGarcia_arqfoto.jpg&quot;,&quot;caption&quot;:&quot;\\u00a9 Simon Garcia | arqfoto.com&quot;},{&quot;src&quot;:&quot;https:\\\/\\\/www.garciafaura.com\\\/wp-content\\\/uploads\\\/2019\\\/04\\\/10-Oficines-Boulevard-Grenelle-FotoSimonGarcia_arqfoto.jpg&quot;,&quot;caption&quot;:&quot;\\u00a9 Simon Garcia | arqfoto.com&quot;},{&quot;src&quot;:&quot;https:\\\/\\\/www.garciafaura.com\\\/wp-content\\\/uploads\\\/2019\\\/04\\\/09-Oficines-Boulevard-Grenelle-FotoSimonGarcia_arqfoto.jpg&quot;,&quot;caption&quot;:&quot;\\u00a9 Simon Garcia | arqfoto.com&quot;},{&quot;src&quot;:&quot;https:\\\/\\\/www.garciafaura.com\\\/wp-content\\\/uploads\\\/2019\\\/04\\\/08-Oficines-Boulevard-Grenelle-FotoSimonGarcia_arqfoto.jpg&quot;,&quot;caption&quot;:&quot;\\u00a9 Simon Garcia | arqfoto.com&quot;},{&quot;src&quot;:&quot;https:\\\/\\\/www.garciafaura.com\\\/wp-content\\\/uploads\\\/2019\\\/04\\\/07-Oficines-Boulevard-Grenelle-FotoSimonGarcia_arqfoto.jpg&quot;,&quot;caption&quot;:&quot;\\u00a9 Simon Garcia | arqfoto.com&quot;},{&quot;src&quot;:&quot;https:\\\/\\\/www.garciafaura.com\\\/wp-content\\\/uploads\\\/2019\\\/04\\\/06-Oficines-Boulevard-Grenelle-FotoSimonGarcia_arqfoto.jpg&quot;,&quot;caption&quot;:&quot;\\u00a9 Simon Garcia | arqfoto.com&quot;},{&quot;src&quot;:&quot;https:\\\/\\\/www.garciafaura.com\\\/wp-content\\\/uploads\\\/2019\\\/04\\\/05-Oficines-Boulevard-Grenelle-FotoSimonGarcia_arqfoto.jpg&quot;,&quot;caption&quot;:&quot;\\u00a9 Simon Garcia | arqfoto.com&quot;},{&quot;src&quot;:&quot;https:\\\/\\\/www.garciafaura.com\\\/wp-content\\\/uploads\\\/2019\\\/04\\\/04-Oficines-Boulevard-Grenelle-FotoSimonGarcia_arqfoto.jpg&quot;,&quot;caption&quot;:&quot;\\u00a9 Simon Garcia | arqfoto.com&quot;},{&quot;src&quot;:&quot;https:\\\/\\\/www.garciafaura.com\\\/wp-content\\\/uploads\\\/2019\\\/04\\\/03-Oficines-Boulevard-Grenelle-FotoSimonGarcia_arqfoto.jpg&quot;,&quot;caption&quot;:&quot;\\u00a9 Simon Garcia | arqfoto.com&quot;}]\"><img loading=\"lazy\" decoding=\"async\" data-no-lazy=\"1\" class=\"portfolio-entry-img skip-lazy\" src=\"https:\/\/www.garciafaura.com\/wp-content\/uploads\/2019\/04\/02-Oficines-Boulevard-Grenelle-FotoSimonGarcia_arqfoto-600x314.jpg\" alt='' data-no-retina width=\"600\" height=\"314\" \/><\/a><\/div><div class=\"portfolio-entry-details entry-details wpex-clr\"><h2 class=\"portfolio-entry-title entry-title\"><a href=\"https:\/\/www.garciafaura.com\/fr\/portfolio-item\/boulevard-grenelle\/\" title=\"Boulevard Grenelle\">Boulevard Grenelle<\/a><\/h2><div class=\"portfolio-entry-categories entry-categories wpex-clr\"><a href=\"https:\/\/www.garciafaura.com\/fr\/portfolio-category\/international-remarquable\/\" class=\"term-98\">International Remarquable<\/a><\/div><\/div><\/div><\/div><div class=\"portfolio-entry vcex-grid-item entry-has-details span_1_of_3 col col-1 vcex-isotope-entry vcex-no-margin-entry post-20457 entry type-portfolio has-media cat-75 cat-92 cat-93 cat-95 cat-97 cat-98 cat-90 cat-101 translation_priority-5\"><div class=\"portfolio-entry-inner entry-inner wpex-clr\"><div class=\"portfolio-entry-media entry-media wpex-clr\"><a href=\"https:\/\/www.garciafaura.com\/wp-content\/uploads\/2022\/06\/Morland01.jpg\" title=\"Projet Morland\" class=\"portfolio-entry-media-link wpex-lightbox-gallery\" data-gallery=\"[{&quot;src&quot;:&quot;https:\\\/\\\/www.garciafaura.com\\\/wp-content\\\/uploads\\\/2022\\\/06\\\/Morland01.jpg&quot;},{&quot;src&quot;:&quot;https:\\\/\\\/www.garciafaura.com\\\/wp-content\\\/uploads\\\/2022\\\/06\\\/Morland24.jpg&quot;},{&quot;src&quot;:&quot;https:\\\/\\\/www.garciafaura.com\\\/wp-content\\\/uploads\\\/2022\\\/06\\\/Morland02.jpg&quot;},{&quot;src&quot;:&quot;https:\\\/\\\/www.garciafaura.com\\\/wp-content\\\/uploads\\\/2022\\\/06\\\/Morland03.jpg&quot;},{&quot;src&quot;:&quot;https:\\\/\\\/www.garciafaura.com\\\/wp-content\\\/uploads\\\/2022\\\/06\\\/Morland04.jpg&quot;},{&quot;src&quot;:&quot;https:\\\/\\\/www.garciafaura.com\\\/wp-content\\\/uploads\\\/2022\\\/06\\\/Morland05.jpg&quot;},{&quot;src&quot;:&quot;https:\\\/\\\/www.garciafaura.com\\\/wp-content\\\/uploads\\\/2022\\\/06\\\/Morland06.jpg&quot;},{&quot;src&quot;:&quot;https:\\\/\\\/www.garciafaura.com\\\/wp-content\\\/uploads\\\/2022\\\/06\\\/Morland07.jpg&quot;},{&quot;src&quot;:&quot;https:\\\/\\\/www.garciafaura.com\\\/wp-content\\\/uploads\\\/2022\\\/06\\\/Morland08.jpg&quot;},{&quot;src&quot;:&quot;https:\\\/\\\/www.garciafaura.com\\\/wp-content\\\/uploads\\\/2022\\\/06\\\/Morland23.jpg&quot;},{&quot;src&quot;:&quot;https:\\\/\\\/www.garciafaura.com\\\/wp-content\\\/uploads\\\/2022\\\/06\\\/Morland22.jpg&quot;},{&quot;src&quot;:&quot;https:\\\/\\\/www.garciafaura.com\\\/wp-content\\\/uploads\\\/2022\\\/06\\\/Morland21.jpg&quot;},{&quot;src&quot;:&quot;https:\\\/\\\/www.garciafaura.com\\\/wp-content\\\/uploads\\\/2022\\\/06\\\/Morland20.jpg&quot;},{&quot;src&quot;:&quot;https:\\\/\\\/www.garciafaura.com\\\/wp-content\\\/uploads\\\/2022\\\/06\\\/Morland19.jpg&quot;},{&quot;src&quot;:&quot;https:\\\/\\\/www.garciafaura.com\\\/wp-content\\\/uploads\\\/2022\\\/06\\\/Morland18.jpg&quot;},{&quot;src&quot;:&quot;https:\\\/\\\/www.garciafaura.com\\\/wp-content\\\/uploads\\\/2022\\\/06\\\/Morland17.jpg&quot;},{&quot;src&quot;:&quot;https:\\\/\\\/www.garciafaura.com\\\/wp-content\\\/uploads\\\/2022\\\/06\\\/Morland16.jpg&quot;},{&quot;src&quot;:&quot;https:\\\/\\\/www.garciafaura.com\\\/wp-content\\\/uploads\\\/2022\\\/06\\\/Morland15.jpg&quot;},{&quot;src&quot;:&quot;https:\\\/\\\/www.garciafaura.com\\\/wp-content\\\/uploads\\\/2022\\\/06\\\/Morland14.jpg&quot;},{&quot;src&quot;:&quot;https:\\\/\\\/www.garciafaura.com\\\/wp-content\\\/uploads\\\/2022\\\/06\\\/Morland13.jpg&quot;},{&quot;src&quot;:&quot;https:\\\/\\\/www.garciafaura.com\\\/wp-content\\\/uploads\\\/2022\\\/06\\\/Morland12.jpg&quot;},{&quot;src&quot;:&quot;https:\\\/\\\/www.garciafaura.com\\\/wp-content\\\/uploads\\\/2022\\\/06\\\/Morland11.jpg&quot;},{&quot;src&quot;:&quot;https:\\\/\\\/www.garciafaura.com\\\/wp-content\\\/uploads\\\/2022\\\/06\\\/Morland10.jpg&quot;},{&quot;src&quot;:&quot;https:\\\/\\\/www.garciafaura.com\\\/wp-content\\\/uploads\\\/2022\\\/06\\\/Morland09.jpg&quot;}]\"><img loading=\"lazy\" decoding=\"async\" data-no-lazy=\"1\" class=\"portfolio-entry-img skip-lazy\" src=\"https:\/\/www.garciafaura.com\/wp-content\/uploads\/2022\/06\/Morland01-600x314.jpg\" alt='' data-no-retina width=\"600\" height=\"314\" \/><\/a><\/div><div class=\"portfolio-entry-details entry-details wpex-clr\"><h2 class=\"portfolio-entry-title entry-title\"><a href=\"https:\/\/www.garciafaura.com\/fr\/portfolio-item\/projet-morland\/\" title=\"Projet Morland\">Projet Morland<\/a><\/h2><div class=\"portfolio-entry-categories entry-categories wpex-clr\"><a href=\"https:\/\/www.garciafaura.com\/fr\/portfolio-category\/batiments-de-services-remarquables\/\" class=\"term-92\">B\u00e2timents de Services Remarquables<\/a><\/div><\/div><\/div><\/div><div class=\"portfolio-entry vcex-grid-item entry-has-details span_1_of_3 col col-2 vcex-isotope-entry vcex-no-margin-entry post-20455 entry type-portfolio has-media cat-69 cat-97 cat-98 translation_priority-5\"><div class=\"portfolio-entry-inner entry-inner wpex-clr\"><div class=\"portfolio-entry-media entry-media wpex-clr\"><a href=\"https:\/\/www.garciafaura.com\/wp-content\/uploads\/2021\/11\/Archipel-Nanterre-Garcia-Faura-Vinci-01-scaled.jpg\" title=\"Projet Archipel\" class=\"portfolio-entry-media-link wpex-lightbox-gallery\" data-gallery=\"[{&quot;src&quot;:&quot;https:\\\/\\\/www.garciafaura.com\\\/wp-content\\\/uploads\\\/2021\\\/11\\\/Archipel-Nanterre-Garcia-Faura-Vinci-01-scaled.jpg&quot;,&quot;title&quot;:&quot;Archipel Nanterre Garcia Faura Vinci-01&quot;},{&quot;src&quot;:&quot;https:\\\/\\\/www.garciafaura.com\\\/wp-content\\\/uploads\\\/2021\\\/11\\\/Archipel-Nanterre-Garcia-Faura-Vinci-05-scaled.jpg&quot;,&quot;title&quot;:&quot;Archipel Nanterre Garcia Faura Vinci-01&quot;},{&quot;src&quot;:&quot;https:\\\/\\\/www.garciafaura.com\\\/wp-content\\\/uploads\\\/2021\\\/11\\\/Archipel-Nanterre-Garcia-Faura-Vinci-04-scaled.jpg&quot;,&quot;title&quot;:&quot;Archipel Nanterre Garcia Faura Vinci-01&quot;},{&quot;src&quot;:&quot;https:\\\/\\\/www.garciafaura.com\\\/wp-content\\\/uploads\\\/2021\\\/11\\\/Archipel-Nanterre-Garcia-Faura-Vinci-03-scaled.jpg&quot;,&quot;title&quot;:&quot;Archipel Nanterre Garcia Faura Vinci-01&quot;},{&quot;src&quot;:&quot;https:\\\/\\\/www.garciafaura.com\\\/wp-content\\\/uploads\\\/2021\\\/11\\\/Archipel-Nanterre-Garcia-Faura-Vinci-02-scaled.jpg&quot;,&quot;title&quot;:&quot;Archipel Nanterre Garcia Faura Vinci-01&quot;}]\"><img loading=\"lazy\" decoding=\"async\" data-no-lazy=\"1\" class=\"portfolio-entry-img skip-lazy\" src=\"https:\/\/www.garciafaura.com\/wp-content\/uploads\/2021\/11\/Archipel-Nanterre-Garcia-Faura-Vinci-01-scaled-600x314.jpg\" alt=\"Archipel Nanterre Garcia Faura Vinci-01\" data-no-retina width=\"600\" height=\"314\" \/><\/a><\/div><div class=\"portfolio-entry-details entry-details wpex-clr\"><h2 class=\"portfolio-entry-title entry-title\"><a href=\"https:\/\/www.garciafaura.com\/fr\/portfolio-item\/projet-archipel\/\" title=\"Projet Archipel\">Projet Archipel<\/a><\/h2><div class=\"portfolio-entry-categories entry-categories wpex-clr\"><a href=\"https:\/\/www.garciafaura.com\/fr\/portfolio-category\/batiments-corporatifs\/\" class=\"term-69\">B\u00e2timents Corporatifs<\/a><\/div><\/div><\/div><\/div><div class=\"portfolio-entry vcex-grid-item entry-has-details span_1_of_3 col col-3 vcex-isotope-entry vcex-no-margin-entry post-20454 entry type-portfolio has-media cat-93 cat-95 cat-97 cat-98 translation_priority-5\"><div class=\"portfolio-entry-inner entry-inner wpex-clr\"><div class=\"portfolio-entry-media entry-media wpex-clr\"><a href=\"https:\/\/www.garciafaura.com\/wp-content\/uploads\/2019\/04\/23-BoulevardMalesherbes_FotoSimonGarcia_arqfoto.jpg\" title=\"R\u00e9habilitation Malesherbes\" class=\"portfolio-entry-media-link wpex-lightbox-gallery\" data-gallery=\"[{&quot;src&quot;:&quot;https:\\\/\\\/www.garciafaura.com\\\/wp-content\\\/uploads\\\/2019\\\/04\\\/23-BoulevardMalesherbes_FotoSimonGarcia_arqfoto.jpg&quot;,&quot;caption&quot;:&quot;\\u00a9 Simon Garcia|arqfoto.com&quot;},{&quot;src&quot;:&quot;https:\\\/\\\/www.garciafaura.com\\\/wp-content\\\/uploads\\\/2019\\\/04\\\/01-BoulevardMalesherbes_FotoSimonGarcia_arqfoto.jpg&quot;,&quot;caption&quot;:&quot;\\u00a9 Simon Garcia|arqfoto.com&quot;},{&quot;src&quot;:&quot;https:\\\/\\\/www.garciafaura.com\\\/wp-content\\\/uploads\\\/2019\\\/04\\\/22-BoulevardMalesherbes_FotoSimonGarcia_arqfoto.jpg&quot;,&quot;caption&quot;:&quot;\\u00a9 Simon Garcia|arqfoto.com&quot;},{&quot;src&quot;:&quot;https:\\\/\\\/www.garciafaura.com\\\/wp-content\\\/uploads\\\/2019\\\/04\\\/21-BoulevardMalesherbes_FotoSimonGarcia_arqfoto.jpg&quot;,&quot;caption&quot;:&quot;\\u00a9 Simon Garcia|arqfoto.com&quot;},{&quot;src&quot;:&quot;https:\\\/\\\/www.garciafaura.com\\\/wp-content\\\/uploads\\\/2019\\\/04\\\/20-BoulevardMalesherbes_FotoSimonGarcia_arqfoto.jpg&quot;,&quot;caption&quot;:&quot;\\u00a9 Simon Garcia|arqfoto.com&quot;},{&quot;src&quot;:&quot;https:\\\/\\\/www.garciafaura.com\\\/wp-content\\\/uploads\\\/2019\\\/04\\\/19-BoulevardMalesherbes_FotoSimonGarcia_arqfoto.jpg&quot;,&quot;caption&quot;:&quot;\\u00a9 Simon Garcia|arqfoto.com&quot;},{&quot;src&quot;:&quot;https:\\\/\\\/www.garciafaura.com\\\/wp-content\\\/uploads\\\/2019\\\/04\\\/18-BoulevardMalesherbes_FotoSimonGarcia_arqfoto.jpg&quot;,&quot;caption&quot;:&quot;\\u00a9 Simon Garcia|arqfoto.com&quot;},{&quot;src&quot;:&quot;https:\\\/\\\/www.garciafaura.com\\\/wp-content\\\/uploads\\\/2019\\\/04\\\/17-BoulevardMalesherbes_FotoSimonGarcia_arqfoto.jpg&quot;,&quot;caption&quot;:&quot;\\u00a9 Simon Garcia|arqfoto.com&quot;},{&quot;src&quot;:&quot;https:\\\/\\\/www.garciafaura.com\\\/wp-content\\\/uploads\\\/2019\\\/04\\\/16-BoulevardMalesherbes_FotoSimonGarcia_arqfoto.jpg&quot;,&quot;caption&quot;:&quot;\\u00a9 Simon Garcia|arqfoto.com&quot;},{&quot;src&quot;:&quot;https:\\\/\\\/www.garciafaura.com\\\/wp-content\\\/uploads\\\/2019\\\/04\\\/15-BoulevardMalesherbes_FotoSimonGarcia_arqfoto.jpg&quot;,&quot;caption&quot;:&quot;\\u00a9 Simon Garcia|arqfoto.com&quot;},{&quot;src&quot;:&quot;https:\\\/\\\/www.garciafaura.com\\\/wp-content\\\/uploads\\\/2019\\\/04\\\/14-BoulevardMalesherbes_FotoSimonGarcia_arqfoto.jpg&quot;,&quot;caption&quot;:&quot;\\u00a9 Simon Garcia|arqfoto.com&quot;},{&quot;src&quot;:&quot;https:\\\/\\\/www.garciafaura.com\\\/wp-content\\\/uploads\\\/2019\\\/04\\\/13-BoulevardMalesherbes_FotoSimonGarcia_arqfoto.jpg&quot;,&quot;caption&quot;:&quot;\\u00a9 Simon Garcia|arqfoto.com&quot;},{&quot;src&quot;:&quot;https:\\\/\\\/www.garciafaura.com\\\/wp-content\\\/uploads\\\/2019\\\/04\\\/12-BoulevardMalesherbes_FotoSimonGarcia_arqfoto.jpg&quot;,&quot;caption&quot;:&quot;\\u00a9 Simon Garcia|arqfoto.com&quot;},{&quot;src&quot;:&quot;https:\\\/\\\/www.garciafaura.com\\\/wp-content\\\/uploads\\\/2019\\\/04\\\/11-BoulevardMalesherbes_FotoSimonGarcia_arqfoto.jpg&quot;,&quot;caption&quot;:&quot;\\u00a9 Simon Garcia|arqfoto.com&quot;},{&quot;src&quot;:&quot;https:\\\/\\\/www.garciafaura.com\\\/wp-content\\\/uploads\\\/2019\\\/04\\\/10-BoulevardMalesherbes_FotoSimonGarcia_arqfoto.jpg&quot;,&quot;caption&quot;:&quot;\\u00a9 Simon Garcia|arqfoto.com&quot;},{&quot;src&quot;:&quot;https:\\\/\\\/www.garciafaura.com\\\/wp-content\\\/uploads\\\/2019\\\/04\\\/09-BoulevardMalesherbes_FotoSimonGarcia_arqfoto.jpg&quot;,&quot;caption&quot;:&quot;\\u00a9 Simon Garcia|arqfoto.com&quot;},{&quot;src&quot;:&quot;https:\\\/\\\/www.garciafaura.com\\\/wp-content\\\/uploads\\\/2019\\\/04\\\/08-BoulevardMalesherbes_FotoSimonGarcia_arqfoto.jpg&quot;,&quot;caption&quot;:&quot;\\u00a9 Simon Garcia|arqfoto.com&quot;},{&quot;src&quot;:&quot;https:\\\/\\\/www.garciafaura.com\\\/wp-content\\\/uploads\\\/2019\\\/04\\\/07-BoulevardMalesherbes_FotoSimonGarcia_arqfoto.jpg&quot;,&quot;caption&quot;:&quot;\\u00a9 Simon Garcia|arqfoto.com&quot;},{&quot;src&quot;:&quot;https:\\\/\\\/www.garciafaura.com\\\/wp-content\\\/uploads\\\/2019\\\/04\\\/06-BoulevardMalesherbes_FotoSimonGarcia_arqfoto.jpg&quot;,&quot;caption&quot;:&quot;\\u00a9 Simon Garcia|arqfoto.com&quot;},{&quot;src&quot;:&quot;https:\\\/\\\/www.garciafaura.com\\\/wp-content\\\/uploads\\\/2019\\\/04\\\/05-BoulevardMalesherbes_FotoSimonGarcia_arqfoto.jpg&quot;,&quot;caption&quot;:&quot;\\u00a9 Simon Garcia|arqfoto.com&quot;},{&quot;src&quot;:&quot;https:\\\/\\\/www.garciafaura.com\\\/wp-content\\\/uploads\\\/2019\\\/04\\\/04-BoulevardMalesherbes_FotoSimonGarcia_arqfoto.jpg&quot;,&quot;caption&quot;:&quot;\\u00a9 Simon Garcia|arqfoto.com&quot;},{&quot;src&quot;:&quot;https:\\\/\\\/www.garciafaura.com\\\/wp-content\\\/uploads\\\/2019\\\/04\\\/03-BoulevardMalesherbes_FotoSimonGarcia_arqfoto.jpg&quot;,&quot;caption&quot;:&quot;\\u00a9 Simon Garcia|arqfoto.com&quot;},{&quot;src&quot;:&quot;https:\\\/\\\/www.garciafaura.com\\\/wp-content\\\/uploads\\\/2019\\\/04\\\/02-BoulevardMalesherbes_FotoSimonGarcia_arqfoto.jpg&quot;,&quot;caption&quot;:&quot;\\u00a9 Simon Garcia|arqfoto.com&quot;}]\"><img loading=\"lazy\" decoding=\"async\" data-no-lazy=\"1\" class=\"portfolio-entry-img skip-lazy\" src=\"https:\/\/www.garciafaura.com\/wp-content\/uploads\/2019\/04\/23-BoulevardMalesherbes_FotoSimonGarcia_arqfoto-600x314.jpg\" alt='' data-no-retina width=\"600\" height=\"314\" \/><\/a><\/div><div class=\"portfolio-entry-details entry-details wpex-clr\"><h2 class=\"portfolio-entry-title entry-title\"><a href=\"https:\/\/www.garciafaura.com\/fr\/portfolio-item\/rehabilitation-malesherbes\/\" title=\"R\u00e9habilitation Malesherbes\">R\u00e9habilitation Malesherbes<\/a><\/h2><div class=\"portfolio-entry-categories entry-categories wpex-clr\"><a href=\"https:\/\/www.garciafaura.com\/fr\/portfolio-category\/international-fr\/\" class=\"term-97\">International<\/a><\/div><\/div><\/div><\/div><div class=\"portfolio-entry vcex-grid-item entry-has-details span_1_of_3 col col-1 vcex-isotope-entry vcex-no-margin-entry post-20447 entry type-portfolio has-media cat-75 cat-92 cat-97 cat-98 translation_priority-5\"><div class=\"portfolio-entry-inner entry-inner wpex-clr\"><div class=\"portfolio-entry-media entry-media wpex-clr\"><a href=\"https:\/\/www.garciafaura.com\/wp-content\/uploads\/2019\/04\/01-CampusCondorcet_FotoSimonGarcia_arqfoto.jpg\" title=\"Campus Condorcet\" class=\"portfolio-entry-media-link wpex-lightbox-gallery\" data-gallery=\"[{&quot;src&quot;:&quot;https:\\\/\\\/www.garciafaura.com\\\/wp-content\\\/uploads\\\/2019\\\/04\\\/01-CampusCondorcet_FotoSimonGarcia_arqfoto.jpg&quot;,&quot;caption&quot;:&quot;\\u00a9 Simon Garcia|arqfoto.com&quot;},{&quot;src&quot;:&quot;https:\\\/\\\/www.garciafaura.com\\\/wp-content\\\/uploads\\\/2019\\\/04\\\/13-CampusCondorcet_FotoSimonGarcia_arqfoto.jpg&quot;,&quot;caption&quot;:&quot;\\u00a9 Simon Garcia|arqfoto.com&quot;},{&quot;src&quot;:&quot;https:\\\/\\\/www.garciafaura.com\\\/wp-content\\\/uploads\\\/2019\\\/04\\\/12-CampusCondorcet_FotoSimonGarcia_arqfoto.jpg&quot;,&quot;caption&quot;:&quot;\\u00a9 Simon Garcia|arqfoto.com&quot;},{&quot;src&quot;:&quot;https:\\\/\\\/www.garciafaura.com\\\/wp-content\\\/uploads\\\/2019\\\/04\\\/11-CampusCondorcet_FotoSimonGarcia_arqfoto.jpg&quot;,&quot;caption&quot;:&quot;\\u00a9 Simon Garcia|arqfoto.com&quot;},{&quot;src&quot;:&quot;https:\\\/\\\/www.garciafaura.com\\\/wp-content\\\/uploads\\\/2019\\\/04\\\/10-CampusCondorcet_FotoSimonGarcia_arqfoto.jpg&quot;,&quot;caption&quot;:&quot;\\u00a9 Simon Garcia|arqfoto.com&quot;},{&quot;src&quot;:&quot;https:\\\/\\\/www.garciafaura.com\\\/wp-content\\\/uploads\\\/2019\\\/04\\\/09-CampusCondorcet_FotoSimonGarcia_arqfoto.jpg&quot;,&quot;caption&quot;:&quot;\\u00a9 Simon Garcia|arqfoto.com&quot;},{&quot;src&quot;:&quot;https:\\\/\\\/www.garciafaura.com\\\/wp-content\\\/uploads\\\/2019\\\/04\\\/08-CampusCondorcet_FotoSimonGarcia_arqfoto.jpg&quot;,&quot;caption&quot;:&quot;\\u00a9 Simon Garcia|arqfoto.com&quot;},{&quot;src&quot;:&quot;https:\\\/\\\/www.garciafaura.com\\\/wp-content\\\/uploads\\\/2019\\\/04\\\/07-CampusCondorcet_FotoSimonGarcia_arqfoto.jpg&quot;,&quot;caption&quot;:&quot;\\u00a9 Simon Garcia|arqfoto.com&quot;},{&quot;src&quot;:&quot;https:\\\/\\\/www.garciafaura.com\\\/wp-content\\\/uploads\\\/2019\\\/04\\\/06-CampusCondorcet_FotoSimonGarcia_arqfoto.jpg&quot;,&quot;caption&quot;:&quot;\\u00a9 Simon Garcia|arqfoto.com&quot;},{&quot;src&quot;:&quot;https:\\\/\\\/www.garciafaura.com\\\/wp-content\\\/uploads\\\/2019\\\/04\\\/05-CampusCondorcet_FotoSimonGarcia_arqfoto.jpg&quot;,&quot;caption&quot;:&quot;\\u00a9 Simon Garcia|arqfoto.com&quot;},{&quot;src&quot;:&quot;https:\\\/\\\/www.garciafaura.com\\\/wp-content\\\/uploads\\\/2019\\\/04\\\/04-CampusCondorcet_FotoSimonGarcia_arqfoto.jpg&quot;,&quot;caption&quot;:&quot;\\u00a9 Simon Garcia|arqfoto.com&quot;},{&quot;src&quot;:&quot;https:\\\/\\\/www.garciafaura.com\\\/wp-content\\\/uploads\\\/2019\\\/04\\\/03-CampusCondorcet_FotoSimonGarcia_arqfoto.jpg&quot;,&quot;caption&quot;:&quot;\\u00a9 Simon Garcia|arqfoto.com&quot;},{&quot;src&quot;:&quot;https:\\\/\\\/www.garciafaura.com\\\/wp-content\\\/uploads\\\/2019\\\/04\\\/02-CampusCondorcet_FotoSimonGarcia_arqfoto.jpg&quot;,&quot;caption&quot;:&quot;\\u00a9 Simon Garcia|arqfoto.com&quot;}]\"><img loading=\"lazy\" decoding=\"async\" data-no-lazy=\"1\" class=\"portfolio-entry-img skip-lazy\" src=\"https:\/\/www.garciafaura.com\/wp-content\/uploads\/2019\/04\/01-CampusCondorcet_FotoSimonGarcia_arqfoto-600x314.jpg\" alt='' data-no-retina width=\"600\" height=\"314\" \/><\/a><\/div><div class=\"portfolio-entry-details entry-details wpex-clr\"><h2 class=\"portfolio-entry-title entry-title\"><a href=\"https:\/\/www.garciafaura.com\/fr\/portfolio-item\/campus-condorcet\/\" title=\"Campus Condorcet\">Campus Condorcet<\/a><\/h2><div class=\"portfolio-entry-categories entry-categories wpex-clr\"><a href=\"https:\/\/www.garciafaura.com\/fr\/portfolio-category\/international-fr\/\" class=\"term-97\">International<\/a><\/div><\/div><\/div><\/div><div class=\"portfolio-entry vcex-grid-item entry-has-details span_1_of_3 col col-2 vcex-isotope-entry vcex-no-margin-entry post-20446 entry type-portfolio has-media cat-97 cat-90 translation_priority-5\"><div class=\"portfolio-entry-inner entry-inner wpex-clr\"><div class=\"portfolio-entry-media entry-media wpex-clr\"><a href=\"https:\/\/www.garciafaura.com\/wp-content\/uploads\/2019\/04\/01-citeblanche-FotoSimonGarcia_arqfoto.jpg\" title=\"Lotissement Cit\u00e9 Blanche\" class=\"portfolio-entry-media-link wpex-lightbox-gallery\" data-gallery=\"[{&quot;src&quot;:&quot;https:\\\/\\\/www.garciafaura.com\\\/wp-content\\\/uploads\\\/2019\\\/04\\\/01-citeblanche-FotoSimonGarcia_arqfoto.jpg&quot;,&quot;caption&quot;:&quot;\\u00a9 Simon Garcia|arqfoto.com&quot;},{&quot;src&quot;:&quot;https:\\\/\\\/www.garciafaura.com\\\/wp-content\\\/uploads\\\/2019\\\/04\\\/09-citeblanche-FotoSimonGarcia_arqfoto.jpg&quot;,&quot;caption&quot;:&quot;\\u00a9 Simon Garcia|arqfoto.com&quot;},{&quot;src&quot;:&quot;https:\\\/\\\/www.garciafaura.com\\\/wp-content\\\/uploads\\\/2019\\\/04\\\/08-citeblanche-FotoSimonGarcia_arqfoto.jpg&quot;,&quot;caption&quot;:&quot;\\u00a9 Simon Garcia|arqfoto.com&quot;},{&quot;src&quot;:&quot;https:\\\/\\\/www.garciafaura.com\\\/wp-content\\\/uploads\\\/2019\\\/04\\\/07-citeblanche-FotoSimonGarcia_arqfoto.jpg&quot;,&quot;caption&quot;:&quot;\\u00a9 Simon Garcia|arqfoto.com&quot;},{&quot;src&quot;:&quot;https:\\\/\\\/www.garciafaura.com\\\/wp-content\\\/uploads\\\/2019\\\/04\\\/06-citeblanche-FotoSimonGarcia_arqfoto.jpg&quot;,&quot;caption&quot;:&quot;\\u00a9 Simon Garcia|arqfoto.com&quot;},{&quot;src&quot;:&quot;https:\\\/\\\/www.garciafaura.com\\\/wp-content\\\/uploads\\\/2019\\\/04\\\/05-citeblanche-FotoSimonGarcia_arqfoto.jpg&quot;,&quot;caption&quot;:&quot;\\u00a9 Simon Garcia|arqfoto.com&quot;},{&quot;src&quot;:&quot;https:\\\/\\\/www.garciafaura.com\\\/wp-content\\\/uploads\\\/2019\\\/04\\\/04-citeblanche-FotoSimonGarcia_arqfoto.jpg&quot;,&quot;caption&quot;:&quot;\\u00a9 Simon Garcia|arqfoto.com&quot;},{&quot;src&quot;:&quot;https:\\\/\\\/www.garciafaura.com\\\/wp-content\\\/uploads\\\/2019\\\/04\\\/03-citeblanche-FotoSimonGarcia_arqfoto.jpg&quot;,&quot;caption&quot;:&quot;\\u00a9 Simon Garcia|arqfoto.com&quot;},{&quot;src&quot;:&quot;https:\\\/\\\/www.garciafaura.com\\\/wp-content\\\/uploads\\\/2019\\\/04\\\/02-citeblanche-FotoSimonGarcia_arqfoto.jpg&quot;,&quot;caption&quot;:&quot;\\u00a9 Simon Garcia|arqfoto.com&quot;}]\"><img loading=\"lazy\" decoding=\"async\" data-no-lazy=\"1\" class=\"portfolio-entry-img skip-lazy\" src=\"https:\/\/www.garciafaura.com\/wp-content\/uploads\/2019\/04\/01-citeblanche-FotoSimonGarcia_arqfoto-600x314.jpg\" alt='' data-no-retina width=\"600\" height=\"314\" \/><\/a><\/div><div class=\"portfolio-entry-details entry-details wpex-clr\"><h2 class=\"portfolio-entry-title entry-title\"><a href=\"https:\/\/www.garciafaura.com\/fr\/portfolio-item\/lotissement-cite-blanche\/\" title=\"Lotissement Cit\u00e9 Blanche\">Lotissement Cit\u00e9 Blanche<\/a><\/h2><div class=\"portfolio-entry-categories entry-categories wpex-clr\"><a href=\"https:\/\/www.garciafaura.com\/fr\/portfolio-category\/international-fr\/\" class=\"term-97\">International<\/a><\/div><\/div><\/div><\/div><div class=\"portfolio-entry vcex-grid-item entry-has-details span_1_of_3 col col-3 vcex-isotope-entry vcex-no-margin-entry post-20444 entry type-portfolio has-media cat-69 cat-102 cat-97 cat-98 cat-90 cat-101 translation_priority-5\"><div class=\"portfolio-entry-inner entry-inner wpex-clr\"><div class=\"portfolio-entry-media entry-media wpex-clr\"><a href=\"https:\/\/www.garciafaura.com\/wp-content\/uploads\/2019\/04\/01-BoulevardHaussmann-FotoSimonGarcia_arqfoto.jpg\" title=\"R\u00e9habilitation Bulevard Haussmann\" class=\"portfolio-entry-media-link wpex-lightbox-gallery\" data-gallery=\"[{&quot;src&quot;:&quot;https:\\\/\\\/www.garciafaura.com\\\/wp-content\\\/uploads\\\/2019\\\/04\\\/01-BoulevardHaussmann-FotoSimonGarcia_arqfoto.jpg&quot;,&quot;caption&quot;:&quot;\\u00a9 Simon Garcia|arqfoto.com&quot;},{&quot;src&quot;:&quot;https:\\\/\\\/www.garciafaura.com\\\/wp-content\\\/uploads\\\/2019\\\/04\\\/20-BoulevardHaussmann-FotoSimonGarcia_arqfoto.jpg&quot;,&quot;caption&quot;:&quot;\\u00a9 Simon Garcia|arqfoto.com&quot;},{&quot;src&quot;:&quot;https:\\\/\\\/www.garciafaura.com\\\/wp-content\\\/uploads\\\/2019\\\/04\\\/19-BoulevardHaussmann-FotoSimonGarcia_arqfoto.jpg&quot;,&quot;caption&quot;:&quot;\\u00a9 Simon Garcia|arqfoto.com&quot;},{&quot;src&quot;:&quot;https:\\\/\\\/www.garciafaura.com\\\/wp-content\\\/uploads\\\/2019\\\/04\\\/18-BoulevardHaussmann-FotoSimonGarcia_arqfoto.jpg&quot;,&quot;caption&quot;:&quot;\\u00a9 Simon Garcia|arqfoto.com&quot;},{&quot;src&quot;:&quot;https:\\\/\\\/www.garciafaura.com\\\/wp-content\\\/uploads\\\/2019\\\/04\\\/17-BoulevardHaussmann-FotoSimonGarcia_arqfoto.jpg&quot;,&quot;caption&quot;:&quot;\\u00a9 Simon Garcia|arqfoto.com&quot;},{&quot;src&quot;:&quot;https:\\\/\\\/www.garciafaura.com\\\/wp-content\\\/uploads\\\/2019\\\/04\\\/16-BoulevardHaussmann-FotoSimonGarcia_arqfoto.jpg&quot;,&quot;caption&quot;:&quot;\\u00a9 Simon Garcia|arqfoto.com&quot;},{&quot;src&quot;:&quot;https:\\\/\\\/www.garciafaura.com\\\/wp-content\\\/uploads\\\/2019\\\/04\\\/15-BoulevardHaussmann-FotoSimonGarcia_arqfoto.jpg&quot;,&quot;caption&quot;:&quot;\\u00a9 Simon Garcia|arqfoto.com&quot;},{&quot;src&quot;:&quot;https:\\\/\\\/www.garciafaura.com\\\/wp-content\\\/uploads\\\/2019\\\/04\\\/14-BoulevardHaussmann-FotoSimonGarcia_arqfoto.jpg&quot;,&quot;caption&quot;:&quot;\\u00a9 Simon Garcia|arqfoto.com&quot;},{&quot;src&quot;:&quot;https:\\\/\\\/www.garciafaura.com\\\/wp-content\\\/uploads\\\/2019\\\/04\\\/13-BoulevardHaussmann-FotoSimonGarcia_arqfoto.jpg&quot;,&quot;caption&quot;:&quot;\\u00a9 Simon Garcia|arqfoto.com&quot;},{&quot;src&quot;:&quot;https:\\\/\\\/www.garciafaura.com\\\/wp-content\\\/uploads\\\/2019\\\/04\\\/12-BoulevardHaussmann-FotoSimonGarcia_arqfoto.jpg&quot;,&quot;caption&quot;:&quot;\\u00a9 Simon Garcia|arqfoto.com&quot;},{&quot;src&quot;:&quot;https:\\\/\\\/www.garciafaura.com\\\/wp-content\\\/uploads\\\/2019\\\/04\\\/11-BoulevardHaussmann-FotoSimonGarcia_arqfoto.jpg&quot;,&quot;caption&quot;:&quot;\\u00a9 Simon Garcia|arqfoto.com&quot;},{&quot;src&quot;:&quot;https:\\\/\\\/www.garciafaura.com\\\/wp-content\\\/uploads\\\/2019\\\/04\\\/10-BoulevardHaussmann-FotoSimonGarcia_arqfoto.jpg&quot;,&quot;caption&quot;:&quot;\\u00a9 Simon Garcia|arqfoto.com&quot;},{&quot;src&quot;:&quot;https:\\\/\\\/www.garciafaura.com\\\/wp-content\\\/uploads\\\/2019\\\/04\\\/09-BoulevardHaussmann-FotoSimonGarcia_arqfoto.jpg&quot;,&quot;caption&quot;:&quot;\\u00a9 Simon Garcia|arqfoto.com&quot;},{&quot;src&quot;:&quot;https:\\\/\\\/www.garciafaura.com\\\/wp-content\\\/uploads\\\/2019\\\/04\\\/08-BoulevardHaussmann-FotoSimonGarcia_arqfoto.jpg&quot;,&quot;caption&quot;:&quot;\\u00a9 Simon Garcia|arqfoto.com&quot;},{&quot;src&quot;:&quot;https:\\\/\\\/www.garciafaura.com\\\/wp-content\\\/uploads\\\/2019\\\/04\\\/07-BoulevardHaussmann-FotoSimonGarcia_arqfoto.jpg&quot;,&quot;caption&quot;:&quot;\\u00a9 Simon Garcia|arqfoto.com&quot;},{&quot;src&quot;:&quot;https:\\\/\\\/www.garciafaura.com\\\/wp-content\\\/uploads\\\/2019\\\/04\\\/06-BoulevardHaussmann-FotoSimonGarcia_arqfoto.jpg&quot;,&quot;caption&quot;:&quot;\\u00a9 Simon Garcia|arqfoto.com&quot;},{&quot;src&quot;:&quot;https:\\\/\\\/www.garciafaura.com\\\/wp-content\\\/uploads\\\/2019\\\/04\\\/05-BoulevardHaussmann-FotoSimonGarcia_arqfoto.jpg&quot;,&quot;caption&quot;:&quot;\\u00a9 Simon Garcia|arqfoto.com&quot;},{&quot;src&quot;:&quot;https:\\\/\\\/www.garciafaura.com\\\/wp-content\\\/uploads\\\/2019\\\/04\\\/04-BoulevardHaussmann-FotoSimonGarcia_arqfoto.jpg&quot;,&quot;caption&quot;:&quot;\\u00a9 Simon Garcia|arqfoto.com&quot;},{&quot;src&quot;:&quot;https:\\\/\\\/www.garciafaura.com\\\/wp-content\\\/uploads\\\/2019\\\/04\\\/03-BoulevardHaussmann-FotoSimonGarcia_arqfoto.jpg&quot;,&quot;caption&quot;:&quot;\\u00a9 Simon Garcia|arqfoto.com&quot;},{&quot;src&quot;:&quot;https:\\\/\\\/www.garciafaura.com\\\/wp-content\\\/uploads\\\/2019\\\/04\\\/02-BoulevardHaussmann-FotoSimonGarcia_arqfoto.jpg&quot;,&quot;caption&quot;:&quot;\\u00a9 Simon Garcia|arqfoto.com&quot;}]\"><img loading=\"lazy\" decoding=\"async\" data-no-lazy=\"1\" class=\"portfolio-entry-img skip-lazy\" src=\"https:\/\/www.garciafaura.com\/wp-content\/uploads\/2019\/04\/01-BoulevardHaussmann-FotoSimonGarcia_arqfoto-600x314.jpg\" alt='' data-no-retina width=\"600\" height=\"314\" \/><\/a><\/div><div class=\"portfolio-entry-details entry-details wpex-clr\"><h2 class=\"portfolio-entry-title entry-title\"><a href=\"https:\/\/www.garciafaura.com\/fr\/portfolio-item\/boulevard-hausmann\/\" title=\"R\u00e9habilitation Bulevard Haussmann\">R\u00e9habilitation Bulevard Haussmann<\/a><\/h2><div class=\"portfolio-entry-categories entry-categories wpex-clr\"><a href=\"https:\/\/www.garciafaura.com\/fr\/portfolio-category\/international-fr\/\" class=\"term-97\">International<\/a><\/div><\/div><\/div><\/div><div class=\"portfolio-entry vcex-grid-item entry-has-details span_1_of_3 col col-1 vcex-isotope-entry vcex-no-margin-entry post-20442 entry type-portfolio has-media cat-93 cat-95 cat-94 cat-96 cat-97 cat-98 translation_priority-5\"><div class=\"portfolio-entry-inner entry-inner wpex-clr\"><div class=\"portfolio-entry-media entry-media wpex-clr\"><a href=\"https:\/\/www.garciafaura.com\/wp-content\/uploads\/2019\/04\/HiltonCorferias3.jpg\" title=\"Hotel Hilton Corferias\" class=\"portfolio-entry-media-link wpex-lightbox-gallery\" data-gallery=\"[{&quot;src&quot;:&quot;https:\\\/\\\/www.garciafaura.com\\\/wp-content\\\/uploads\\\/2019\\\/04\\\/HiltonCorferias8.jpg&quot;,&quot;title&quot;:&quot;Traveaux dans le nouveau H\\u00f4tel Hilton Corferias&quot;},{&quot;src&quot;:&quot;https:\\\/\\\/www.garciafaura.com\\\/wp-content\\\/uploads\\\/2019\\\/04\\\/HiltonCorferias7.jpg&quot;,&quot;title&quot;:&quot;Traveaux dans le nouveau H\\u00f4tel Hilton Corferias&quot;},{&quot;src&quot;:&quot;https:\\\/\\\/www.garciafaura.com\\\/wp-content\\\/uploads\\\/2019\\\/04\\\/HiltonCorferias6.jpg&quot;,&quot;title&quot;:&quot;Traveaux dans le nouveau H\\u00f4tel Hilton Corferias&quot;},{&quot;src&quot;:&quot;https:\\\/\\\/www.garciafaura.com\\\/wp-content\\\/uploads\\\/2019\\\/04\\\/HiltonCorferias5.jpg&quot;,&quot;title&quot;:&quot;Traveaux dans le nouveau H\\u00f4tel Hilton Corferias&quot;},{&quot;src&quot;:&quot;https:\\\/\\\/www.garciafaura.com\\\/wp-content\\\/uploads\\\/2019\\\/04\\\/HiltonCorferias4.jpg&quot;,&quot;title&quot;:&quot;Traveaux dans le nouveau H\\u00f4tel Hilton Corferias&quot;},{&quot;src&quot;:&quot;https:\\\/\\\/www.garciafaura.com\\\/wp-content\\\/uploads\\\/2019\\\/04\\\/HiltonCorferias3.jpg&quot;,&quot;title&quot;:&quot;Traveaux dans le nouveau H\\u00f4tel Hilton Corferias&quot;},{&quot;src&quot;:&quot;https:\\\/\\\/www.garciafaura.com\\\/wp-content\\\/uploads\\\/2019\\\/04\\\/HiltonCorferias2.jpg&quot;,&quot;title&quot;:&quot;Traveaux dans le nouveau H\\u00f4tel Hilton Corferias&quot;}]\"><img loading=\"lazy\" decoding=\"async\" data-no-lazy=\"1\" class=\"portfolio-entry-img skip-lazy\" src=\"https:\/\/www.garciafaura.com\/wp-content\/uploads\/2019\/04\/HiltonCorferias3-600x314.jpg\" alt=\"Traveaux Dans Le Nouveau H\u00f4tel Hilton Corferias\" data-no-retina width=\"600\" height=\"314\" \/><\/a><\/div><div class=\"portfolio-entry-details entry-details wpex-clr\"><h2 class=\"portfolio-entry-title entry-title\"><a href=\"https:\/\/www.garciafaura.com\/fr\/portfolio-item\/hotel-hilton-corferias\/\" title=\"Hotel Hilton Corferias\">Hotel Hilton Corferias<\/a><\/h2><div class=\"portfolio-entry-categories entry-categories wpex-clr\"><a href=\"https:\/\/www.garciafaura.com\/fr\/portfolio-category\/facades-fr\/\" class=\"term-93\">Fa\u00e7ades<\/a><\/div><\/div><\/div><\/div><div class=\"portfolio-entry vcex-grid-item entry-has-details span_1_of_3 col col-2 vcex-isotope-entry vcex-no-margin-entry post-20441 entry type-portfolio has-media cat-75 cat-97 translation_priority-5\"><div class=\"portfolio-entry-inner entry-inner wpex-clr\"><div class=\"portfolio-entry-media entry-media wpex-clr\"><a href=\"https:\/\/www.garciafaura.com\/wp-content\/uploads\/2019\/04\/PalaisJusticeGF_1.jpg\" title=\"Palais de Justice de Paris\" class=\"portfolio-entry-media-link wpex-lightbox-gallery\" data-gallery=\"[{&quot;src&quot;:&quot;https:\\\/\\\/www.garciafaura.com\\\/wp-content\\\/uploads\\\/2019\\\/04\\\/PalaisJusticeGF_1.jpg&quot;},{&quot;src&quot;:&quot;https:\\\/\\\/www.garciafaura.com\\\/wp-content\\\/uploads\\\/2019\\\/04\\\/PalaisJusticeGF_7.jpg&quot;},{&quot;src&quot;:&quot;https:\\\/\\\/www.garciafaura.com\\\/wp-content\\\/uploads\\\/2019\\\/04\\\/PalaisJusticeGF_6.jpg&quot;},{&quot;src&quot;:&quot;https:\\\/\\\/www.garciafaura.com\\\/wp-content\\\/uploads\\\/2019\\\/04\\\/PalaisJusticeGF_5.jpg&quot;},{&quot;src&quot;:&quot;https:\\\/\\\/www.garciafaura.com\\\/wp-content\\\/uploads\\\/2019\\\/04\\\/PalaisJusticeGF_4.jpg&quot;},{&quot;src&quot;:&quot;https:\\\/\\\/www.garciafaura.com\\\/wp-content\\\/uploads\\\/2019\\\/04\\\/PalaisJusticeGF_3.jpg&quot;},{&quot;src&quot;:&quot;https:\\\/\\\/www.garciafaura.com\\\/wp-content\\\/uploads\\\/2019\\\/04\\\/PalaisJusticeGF_2.jpg&quot;}]\"><img loading=\"lazy\" decoding=\"async\" data-no-lazy=\"1\" class=\"portfolio-entry-img skip-lazy\" src=\"https:\/\/www.garciafaura.com\/wp-content\/uploads\/2019\/04\/PalaisJusticeGF_1-600x314.jpg\" alt='' data-no-retina width=\"600\" height=\"314\" \/><\/a><\/div><div class=\"portfolio-entry-details entry-details wpex-clr\"><h2 class=\"portfolio-entry-title entry-title\"><a href=\"https:\/\/www.garciafaura.com\/fr\/portfolio-item\/palais-de-justice-de-paris\/\" title=\"Palais de Justice de Paris\">Palais de Justice de Paris<\/a><\/h2><div class=\"portfolio-entry-categories entry-categories wpex-clr\"><a href=\"https:\/\/www.garciafaura.com\/fr\/portfolio-category\/international-fr\/\" class=\"term-97\">International<\/a><\/div><\/div><\/div><\/div><\/div><\/div>[\/vc_column][\/vc_row]\n<\/div>","protected":false},"excerpt":{"rendered":"<p>[vc_row full_width=\u00a0\u00bbstretch_row\u00a0\u00bb wpex_bg_overlay=\u00a0\u00bbcolor\u00a0\u00bb wpex_bg_overlay_color=\u00a0\u00bb#d9d9d9&Prime; wpex_bg_overlay_opacity=\u00a0\u00bb0.85&Prime;][vc_column][vc_column_text]GARCIA FAURA a sa propre d\u00e9l\u00e9gation en France et Colombie et d\u00e9veloppe en m\u00eame temps des projets dans d&rsquo;autres pays du monde. Il s&rsquo;agit de projets singuliers dans lesquels l&rsquo;entreprise applique l&rsquo;exp\u00e9rience accumul\u00e9e au cours de&hellip;<\/p>\n","protected":false},"author":3,"featured_media":0,"parent":0,"menu_order":0,"comment_status":"closed","ping_status":"closed","template":"","meta":{"footnotes":""},"class_list":["post-20632","page","type-page","status-publish","hentry","entry","no-media"],"yoast_head":"<!-- This site is optimized with the Yoast SEO plugin v26.7 - https:\/\/yoast.com\/wordpress\/plugins\/seo\/ -->\n<title>Division Internationale - GARCIA FAURA<\/title>\n<meta name=\"description\" content=\"Arquitectura en Alumini, Inox, Ferro i Vidre\" \/>\n<meta name=\"robots\" content=\"index, follow, max-snippet:-1, max-image-preview:large, max-video-preview:-1\" \/>\n<link rel=\"canonical\" href=\"https:\/\/www.garciafaura.com\/fr\/division-internationale\/\" \/>\n<meta property=\"og:locale\" content=\"fr_FR\" \/>\n<meta property=\"og:type\" content=\"article\" \/>\n<meta property=\"og:title\" content=\"Division Internationale - GARCIA FAURA\" \/>\n<meta property=\"og:description\" content=\"Arquitectura en Alumini, Inox, Ferro i Vidre\" \/>\n<meta property=\"og:url\" content=\"https:\/\/www.garciafaura.com\/fr\/division-internationale\/\" \/>\n<meta property=\"og:site_name\" content=\"GARCIA FAURA\" \/>\n<meta property=\"article:modified_time\" content=\"2026-03-03T15:54:59+00:00\" \/>\n<meta name=\"twitter:card\" content=\"summary_large_image\" \/>\n<meta name=\"twitter:label1\" content=\"Dur\u00e9e de lecture estim\u00e9e\" \/>\n\t<meta name=\"twitter:data1\" content=\"2 minutes\" \/>\n<script type=\"application\/ld+json\" class=\"yoast-schema-graph\">{\"@context\":\"https:\/\/schema.org\",\"@graph\":[{\"@type\":\"WebPage\",\"@id\":\"https:\/\/www.garciafaura.com\/fr\/division-internationale\/\",\"url\":\"https:\/\/www.garciafaura.com\/fr\/division-internationale\/\",\"name\":\"Division Internationale - GARCIA FAURA\",\"isPartOf\":{\"@id\":\"https:\/\/www.garciafaura.com\/fr\/#website\"},\"datePublished\":\"2019-05-27T11:22:57+00:00\",\"dateModified\":\"2026-03-03T15:54:59+00:00\",\"description\":\"Arquitectura en Alumini, Inox, Ferro i Vidre\",\"breadcrumb\":{\"@id\":\"https:\/\/www.garciafaura.com\/fr\/division-internationale\/#breadcrumb\"},\"inLanguage\":\"fr-FR\",\"potentialAction\":[{\"@type\":\"ReadAction\",\"target\":[\"https:\/\/www.garciafaura.com\/fr\/division-internationale\/\"]}]},{\"@type\":\"BreadcrumbList\",\"@id\":\"https:\/\/www.garciafaura.com\/fr\/division-internationale\/#breadcrumb\",\"itemListElement\":[{\"@type\":\"ListItem\",\"position\":1,\"name\":\"Inici\",\"item\":\"https:\/\/www.garciafaura.com\/fr\/\"},{\"@type\":\"ListItem\",\"position\":2,\"name\":\"Division Internationale\"}]},{\"@type\":\"WebSite\",\"@id\":\"https:\/\/www.garciafaura.com\/fr\/#website\",\"url\":\"https:\/\/www.garciafaura.com\/fr\/\",\"name\":\"GARCIA FAURA\",\"description\":\"Arquitectura en Alumini, Inox, Ferro i Vidre\",\"publisher\":{\"@id\":\"https:\/\/www.garciafaura.com\/fr\/#organization\"},\"potentialAction\":[{\"@type\":\"SearchAction\",\"target\":{\"@type\":\"EntryPoint\",\"urlTemplate\":\"https:\/\/www.garciafaura.com\/fr\/?s={search_term_string}\"},\"query-input\":{\"@type\":\"PropertyValueSpecification\",\"valueRequired\":true,\"valueName\":\"search_term_string\"}}],\"inLanguage\":\"fr-FR\"},{\"@type\":\"Organization\",\"@id\":\"https:\/\/www.garciafaura.com\/fr\/#organization\",\"name\":\"GARCIA FAURA\",\"url\":\"https:\/\/www.garciafaura.com\/fr\/\",\"logo\":{\"@type\":\"ImageObject\",\"inLanguage\":\"fr-FR\",\"@id\":\"https:\/\/www.garciafaura.com\/fr\/#\/schema\/logo\/image\/\",\"url\":\"https:\/\/www.garciafaura.com\/wp-content\/uploads\/2018\/09\/Garcia-Faura.png\",\"contentUrl\":\"https:\/\/www.garciafaura.com\/wp-content\/uploads\/2018\/09\/Garcia-Faura.png\",\"width\":512,\"height\":512,\"caption\":\"GARCIA FAURA\"},\"image\":{\"@id\":\"https:\/\/www.garciafaura.com\/fr\/#\/schema\/logo\/image\/\"},\"sameAs\":[\"https:\/\/www.youtube.com\/user\/GARCIAFAURA\"]}]}<\/script>\n<!-- \/ Yoast SEO plugin. -->","yoast_head_json":{"title":"Division Internationale - GARCIA FAURA","description":"Arquitectura en Alumini, Inox, Ferro i Vidre","robots":{"index":"index","follow":"follow","max-snippet":"max-snippet:-1","max-image-preview":"max-image-preview:large","max-video-preview":"max-video-preview:-1"},"canonical":"https:\/\/www.garciafaura.com\/fr\/division-internationale\/","og_locale":"fr_FR","og_type":"article","og_title":"Division Internationale - GARCIA FAURA","og_description":"Arquitectura en Alumini, Inox, Ferro i Vidre","og_url":"https:\/\/www.garciafaura.com\/fr\/division-internationale\/","og_site_name":"GARCIA FAURA","article_modified_time":"2026-03-03T15:54:59+00:00","twitter_card":"summary_large_image","twitter_misc":{"Dur\u00e9e de lecture estim\u00e9e":"2 minutes"},"schema":{"@context":"https:\/\/schema.org","@graph":[{"@type":"WebPage","@id":"https:\/\/www.garciafaura.com\/fr\/division-internationale\/","url":"https:\/\/www.garciafaura.com\/fr\/division-internationale\/","name":"Division Internationale - GARCIA FAURA","isPartOf":{"@id":"https:\/\/www.garciafaura.com\/fr\/#website"},"datePublished":"2019-05-27T11:22:57+00:00","dateModified":"2026-03-03T15:54:59+00:00","description":"Arquitectura en Alumini, Inox, Ferro i Vidre","breadcrumb":{"@id":"https:\/\/www.garciafaura.com\/fr\/division-internationale\/#breadcrumb"},"inLanguage":"fr-FR","potentialAction":[{"@type":"ReadAction","target":["https:\/\/www.garciafaura.com\/fr\/division-internationale\/"]}]},{"@type":"BreadcrumbList","@id":"https:\/\/www.garciafaura.com\/fr\/division-internationale\/#breadcrumb","itemListElement":[{"@type":"ListItem","position":1,"name":"Inici","item":"https:\/\/www.garciafaura.com\/fr\/"},{"@type":"ListItem","position":2,"name":"Division Internationale"}]},{"@type":"WebSite","@id":"https:\/\/www.garciafaura.com\/fr\/#website","url":"https:\/\/www.garciafaura.com\/fr\/","name":"GARCIA FAURA","description":"Arquitectura en Alumini, Inox, Ferro i Vidre","publisher":{"@id":"https:\/\/www.garciafaura.com\/fr\/#organization"},"potentialAction":[{"@type":"SearchAction","target":{"@type":"EntryPoint","urlTemplate":"https:\/\/www.garciafaura.com\/fr\/?s={search_term_string}"},"query-input":{"@type":"PropertyValueSpecification","valueRequired":true,"valueName":"search_term_string"}}],"inLanguage":"fr-FR"},{"@type":"Organization","@id":"https:\/\/www.garciafaura.com\/fr\/#organization","name":"GARCIA FAURA","url":"https:\/\/www.garciafaura.com\/fr\/","logo":{"@type":"ImageObject","inLanguage":"fr-FR","@id":"https:\/\/www.garciafaura.com\/fr\/#\/schema\/logo\/image\/","url":"https:\/\/www.garciafaura.com\/wp-content\/uploads\/2018\/09\/Garcia-Faura.png","contentUrl":"https:\/\/www.garciafaura.com\/wp-content\/uploads\/2018\/09\/Garcia-Faura.png","width":512,"height":512,"caption":"GARCIA FAURA"},"image":{"@id":"https:\/\/www.garciafaura.com\/fr\/#\/schema\/logo\/image\/"},"sameAs":["https:\/\/www.youtube.com\/user\/GARCIAFAURA"]}]}},"_links":{"self":[{"href":"https:\/\/www.garciafaura.com\/fr\/wp-json\/wp\/v2\/pages\/20632","targetHints":{"allow":["GET"]}}],"collection":[{"href":"https:\/\/www.garciafaura.com\/fr\/wp-json\/wp\/v2\/pages"}],"about":[{"href":"https:\/\/www.garciafaura.com\/fr\/wp-json\/wp\/v2\/types\/page"}],"author":[{"embeddable":true,"href":"https:\/\/www.garciafaura.com\/fr\/wp-json\/wp\/v2\/users\/3"}],"replies":[{"embeddable":true,"href":"https:\/\/www.garciafaura.com\/fr\/wp-json\/wp\/v2\/comments?post=20632"}],"version-history":[{"count":7,"href":"https:\/\/www.garciafaura.com\/fr\/wp-json\/wp\/v2\/pages\/20632\/revisions"}],"predecessor-version":[{"id":42037,"href":"https:\/\/www.garciafaura.com\/fr\/wp-json\/wp\/v2\/pages\/20632\/revisions\/42037"}],"wp:attachment":[{"href":"https:\/\/www.garciafaura.com\/fr\/wp-json\/wp\/v2\/media?parent=20632"}],"curies":[{"name":"wp","href":"https:\/\/api.w.org\/{rel}","templated":true}]}}