{"id":20046,"date":"2019-05-24T11:09:43","date_gmt":"2019-05-24T11:09:43","guid":{"rendered":"https:\/\/www.garciafaura.com\/complexes-residentiels-realises-par-garcia-faura\/"},"modified":"2021-08-02T12:27:04","modified_gmt":"2021-08-02T10:27:04","slug":"complexes-residentiels-realises-par-garcia-faura","status":"publish","type":"page","link":"https:\/\/www.garciafaura.com\/fr\/complexes-residentiels-realises-par-garcia-faura\/","title":{"rendered":"Complexes r\u00e9sidentiels r\u00e9alis\u00e9s par GARCIA FAURA"},"content":{"rendered":"<div class=\"wpb-content-wrapper\">[vc_row full_width=\u00a0\u00bbstretch_row\u00a0\u00bb wpex_bg_overlay=\u00a0\u00bbcolor\u00a0\u00bb wpex_bg_overlay_color=\u00a0\u00bb#d9d9d9&Prime; wpex_bg_overlay_opacity=\u00a0\u00bb0.85&Prime;][vc_column]<div class=\"vcex-spacing\" style=\"height:30px\"><\/div>[vc_column_text]<span style=\"font-family: 'Open Sans'; font-size: 18px;\">Confort et bien-\u00eatre au service de l&rsquo;usage r\u00e9sidentiel. Fermetures en aluminium et verre \u00e0 hautes performances thermiques et acoustiques, con\u00e7ues pour faire de votre logis un vrai foyer. <strong>GARCIA FAURA<\/strong> dispose d&rsquo;une exp\u00e9rience de plusieurs d\u00e9cennies dans la construction de complexes r\u00e9sidentiels.<\/span>[\/vc_column_text][\/vc_column][\/vc_row][vc_row][vc_column width=\u00a0\u00bb1\/2&Prime;][\/vc_column][vc_column width=\u00a0\u00bb1\/2&Prime;]<div class=\"vcex-spacing\" style=\"height:30px\"><\/div><div class=\"vcex-module vcex-searchbar clr\"><form method=\"get\" class=\"vcex-searchbar-form\" action=\"https:\/\/www.garciafaura.com\/fr\/\"><input type=\"search\" class=\"vcex-searchbar-input \" name=\"s\" placeholder=\"Recherche\" \/><input type=\"hidden\" name=\"post_type\" value=\"portfolio\"><input type=\"hidden\" name=\"lang\" value=\"fr\"><button class=\"vcex-searchbar-button\" style=\"background:#d7515e;text-transform:none;font-weight:200;\">Recherche de projets<\/button><\/form><\/div>[\/vc_column][\/vc_row][vc_row full_width=\u00a0\u00bbstretch_row\u00a0\u00bb][vc_column]<div class=\"vcex-module vcex-portfolio-grid-wrap wpex-clr\"><div class=\"wpex-row vcex-portfolio-grid wpex-clr entries vcex-isotope-grid vcex-no-margin-grid\" data-show_title=\"false\"><div class=\"portfolio-entry vcex-grid-item entry-has-details span_1_of_3 col col-1 vcex-isotope-entry vcex-no-margin-entry post-39243 entry type-portfolio has-media cat-77 translation_priority-5\"><div class=\"portfolio-entry-inner entry-inner wpex-clr\"><div class=\"portfolio-entry-media entry-media wpex-clr\"><a href=\"https:\/\/www.garciafaura.com\/wp-content\/uploads\/2025\/04\/Habitatges-Bon-Pastor-23.jpg\" title=\"Maisons Bon Pastor\" class=\"portfolio-entry-media-link wpex-lightbox-gallery\" data-gallery=\"[{&quot;src&quot;:&quot;https:\\\/\\\/www.garciafaura.com\\\/wp-content\\\/uploads\\\/2025\\\/04\\\/Habitatges-Bon-Pastor-23.jpg&quot;},{&quot;src&quot;:&quot;https:\\\/\\\/www.garciafaura.com\\\/wp-content\\\/uploads\\\/2025\\\/04\\\/Habitatges-Bon-Pastor-01.jpg&quot;},{&quot;src&quot;:&quot;https:\\\/\\\/www.garciafaura.com\\\/wp-content\\\/uploads\\\/2025\\\/04\\\/Habitatges-Bon-Pastor-24.jpg&quot;},{&quot;src&quot;:&quot;https:\\\/\\\/www.garciafaura.com\\\/wp-content\\\/uploads\\\/2025\\\/04\\\/Habitatges-Bon-Pastor-22.jpg&quot;},{&quot;src&quot;:&quot;https:\\\/\\\/www.garciafaura.com\\\/wp-content\\\/uploads\\\/2025\\\/04\\\/Habitatges-Bon-Pastor-21.jpg&quot;},{&quot;src&quot;:&quot;https:\\\/\\\/www.garciafaura.com\\\/wp-content\\\/uploads\\\/2025\\\/04\\\/Habitatges-Bon-Pastor-20.jpg&quot;},{&quot;src&quot;:&quot;https:\\\/\\\/www.garciafaura.com\\\/wp-content\\\/uploads\\\/2025\\\/04\\\/Habitatges-Bon-Pastor-19.jpg&quot;},{&quot;src&quot;:&quot;https:\\\/\\\/www.garciafaura.com\\\/wp-content\\\/uploads\\\/2025\\\/04\\\/Habitatges-Bon-Pastor-18.jpg&quot;},{&quot;src&quot;:&quot;https:\\\/\\\/www.garciafaura.com\\\/wp-content\\\/uploads\\\/2025\\\/04\\\/Habitatges-Bon-Pastor-17.jpg&quot;},{&quot;src&quot;:&quot;https:\\\/\\\/www.garciafaura.com\\\/wp-content\\\/uploads\\\/2025\\\/04\\\/Habitatges-Bon-Pastor-16.jpg&quot;},{&quot;src&quot;:&quot;https:\\\/\\\/www.garciafaura.com\\\/wp-content\\\/uploads\\\/2025\\\/04\\\/Habitatges-Bon-Pastor-15.jpg&quot;},{&quot;src&quot;:&quot;https:\\\/\\\/www.garciafaura.com\\\/wp-content\\\/uploads\\\/2025\\\/04\\\/Habitatges-Bon-Pastor-14.jpg&quot;},{&quot;src&quot;:&quot;https:\\\/\\\/www.garciafaura.com\\\/wp-content\\\/uploads\\\/2025\\\/04\\\/Habitatges-Bon-Pastor-13.jpg&quot;},{&quot;src&quot;:&quot;https:\\\/\\\/www.garciafaura.com\\\/wp-content\\\/uploads\\\/2025\\\/04\\\/Habitatges-Bon-Pastor-12.jpg&quot;},{&quot;src&quot;:&quot;https:\\\/\\\/www.garciafaura.com\\\/wp-content\\\/uploads\\\/2025\\\/04\\\/Habitatges-Bon-Pastor-11.jpg&quot;},{&quot;src&quot;:&quot;https:\\\/\\\/www.garciafaura.com\\\/wp-content\\\/uploads\\\/2025\\\/04\\\/Habitatges-Bon-Pastor-10.jpg&quot;},{&quot;src&quot;:&quot;https:\\\/\\\/www.garciafaura.com\\\/wp-content\\\/uploads\\\/2025\\\/04\\\/Habitatges-Bon-Pastor-09.jpg&quot;},{&quot;src&quot;:&quot;https:\\\/\\\/www.garciafaura.com\\\/wp-content\\\/uploads\\\/2025\\\/04\\\/Habitatges-Bon-Pastor-08.jpg&quot;},{&quot;src&quot;:&quot;https:\\\/\\\/www.garciafaura.com\\\/wp-content\\\/uploads\\\/2025\\\/04\\\/Habitatges-Bon-Pastor-07.jpg&quot;},{&quot;src&quot;:&quot;https:\\\/\\\/www.garciafaura.com\\\/wp-content\\\/uploads\\\/2025\\\/04\\\/Habitatges-Bon-Pastor-06.jpg&quot;},{&quot;src&quot;:&quot;https:\\\/\\\/www.garciafaura.com\\\/wp-content\\\/uploads\\\/2025\\\/04\\\/Habitatges-Bon-Pastor-05.jpg&quot;},{&quot;src&quot;:&quot;https:\\\/\\\/www.garciafaura.com\\\/wp-content\\\/uploads\\\/2025\\\/04\\\/Habitatges-Bon-Pastor-04.jpg&quot;},{&quot;src&quot;:&quot;https:\\\/\\\/www.garciafaura.com\\\/wp-content\\\/uploads\\\/2025\\\/04\\\/Habitatges-Bon-Pastor-03.jpg&quot;},{&quot;src&quot;:&quot;https:\\\/\\\/www.garciafaura.com\\\/wp-content\\\/uploads\\\/2025\\\/04\\\/Habitatges-Bon-Pastor-02.jpg&quot;}]\"><img loading=\"lazy\" decoding=\"async\" width=\"1200\" height=\"628\" src=\"https:\/\/www.garciafaura.com\/wp-content\/uploads\/2025\/04\/Habitatges-Bon-Pastor-23.jpg\" class=\"portfolio-entry-img skip-lazy\" alt=\"\" data-no-lazy=\"1\" srcset=\"https:\/\/www.garciafaura.com\/wp-content\/uploads\/2025\/04\/Habitatges-Bon-Pastor-23.jpg 1200w, https:\/\/www.garciafaura.com\/wp-content\/uploads\/2025\/04\/Habitatges-Bon-Pastor-23-300x157.jpg 300w, https:\/\/www.garciafaura.com\/wp-content\/uploads\/2025\/04\/Habitatges-Bon-Pastor-23-1024x536.jpg 1024w, https:\/\/www.garciafaura.com\/wp-content\/uploads\/2025\/04\/Habitatges-Bon-Pastor-23-768x402.jpg 768w\" sizes=\"auto, (max-width: 1200px) 100vw, 1200px\" \/><\/a><\/div><div class=\"portfolio-entry-details entry-details wpex-clr\"><h2 class=\"portfolio-entry-title entry-title\"><a href=\"https:\/\/www.garciafaura.com\/fr\/portfolio-item\/habitatges-bon-pastor\/\" title=\"Maisons Bon Pastor\">Maisons Bon Pastor<\/a><\/h2><div class=\"portfolio-entry-categories entry-categories wpex-clr\"><a href=\"https:\/\/www.garciafaura.com\/fr\/portfolio-category\/ensembles-residentiels\/\" class=\"term-77\">Ensembles r\u00e9sidentiels<\/a><\/div><\/div><\/div><\/div><div class=\"portfolio-entry vcex-grid-item entry-has-details span_1_of_3 col col-2 vcex-isotope-entry vcex-no-margin-entry post-39135 entry type-portfolio has-media cat-77 translation_priority-5\"><div class=\"portfolio-entry-inner entry-inner wpex-clr\"><div class=\"portfolio-entry-media entry-media wpex-clr\"><a href=\"https:\/\/www.garciafaura.com\/wp-content\/uploads\/2025\/04\/Habitatges-Jonquera-Poblenou-30.jpg\" title=\"Lotissement Jonquera Barcelone\" class=\"portfolio-entry-media-link wpex-lightbox-gallery\" data-gallery=\"[{&quot;src&quot;:&quot;https:\\\/\\\/www.garciafaura.com\\\/wp-content\\\/uploads\\\/2025\\\/04\\\/Habitatges-Jonquera-Poblenou-01.jpg&quot;},{&quot;src&quot;:&quot;https:\\\/\\\/www.garciafaura.com\\\/wp-content\\\/uploads\\\/2025\\\/04\\\/Habitatges-Jonquera-Poblenou-30.jpg&quot;},{&quot;src&quot;:&quot;https:\\\/\\\/www.garciafaura.com\\\/wp-content\\\/uploads\\\/2025\\\/04\\\/Habitatges-Jonquera-Poblenou-29.jpg&quot;},{&quot;src&quot;:&quot;https:\\\/\\\/www.garciafaura.com\\\/wp-content\\\/uploads\\\/2025\\\/04\\\/Habitatges-Jonquera-Poblenou-28.jpg&quot;},{&quot;src&quot;:&quot;https:\\\/\\\/www.garciafaura.com\\\/wp-content\\\/uploads\\\/2025\\\/04\\\/Habitatges-Jonquera-Poblenou-27.jpg&quot;},{&quot;src&quot;:&quot;https:\\\/\\\/www.garciafaura.com\\\/wp-content\\\/uploads\\\/2025\\\/04\\\/Habitatges-Jonquera-Poblenou-26.jpg&quot;},{&quot;src&quot;:&quot;https:\\\/\\\/www.garciafaura.com\\\/wp-content\\\/uploads\\\/2025\\\/04\\\/Habitatges-Jonquera-Poblenou-25.jpg&quot;},{&quot;src&quot;:&quot;https:\\\/\\\/www.garciafaura.com\\\/wp-content\\\/uploads\\\/2025\\\/04\\\/Habitatges-Jonquera-Poblenou-24.jpg&quot;},{&quot;src&quot;:&quot;https:\\\/\\\/www.garciafaura.com\\\/wp-content\\\/uploads\\\/2025\\\/04\\\/Habitatges-Jonquera-Poblenou-23.jpg&quot;},{&quot;src&quot;:&quot;https:\\\/\\\/www.garciafaura.com\\\/wp-content\\\/uploads\\\/2025\\\/04\\\/Habitatges-Jonquera-Poblenou-22.jpg&quot;},{&quot;src&quot;:&quot;https:\\\/\\\/www.garciafaura.com\\\/wp-content\\\/uploads\\\/2025\\\/04\\\/Habitatges-Jonquera-Poblenou-21.jpg&quot;},{&quot;src&quot;:&quot;https:\\\/\\\/www.garciafaura.com\\\/wp-content\\\/uploads\\\/2025\\\/04\\\/Habitatges-Jonquera-Poblenou-20.jpg&quot;},{&quot;src&quot;:&quot;https:\\\/\\\/www.garciafaura.com\\\/wp-content\\\/uploads\\\/2025\\\/04\\\/Habitatges-Jonquera-Poblenou-19.jpg&quot;},{&quot;src&quot;:&quot;https:\\\/\\\/www.garciafaura.com\\\/wp-content\\\/uploads\\\/2025\\\/04\\\/Habitatges-Jonquera-Poblenou-18.jpg&quot;},{&quot;src&quot;:&quot;https:\\\/\\\/www.garciafaura.com\\\/wp-content\\\/uploads\\\/2025\\\/04\\\/Habitatges-Jonquera-Poblenou-17.jpg&quot;},{&quot;src&quot;:&quot;https:\\\/\\\/www.garciafaura.com\\\/wp-content\\\/uploads\\\/2025\\\/04\\\/Habitatges-Jonquera-Poblenou-16.jpg&quot;},{&quot;src&quot;:&quot;https:\\\/\\\/www.garciafaura.com\\\/wp-content\\\/uploads\\\/2025\\\/04\\\/Habitatges-Jonquera-Poblenou-15.jpg&quot;},{&quot;src&quot;:&quot;https:\\\/\\\/www.garciafaura.com\\\/wp-content\\\/uploads\\\/2025\\\/04\\\/Habitatges-Jonquera-Poblenou-14.jpg&quot;},{&quot;src&quot;:&quot;https:\\\/\\\/www.garciafaura.com\\\/wp-content\\\/uploads\\\/2025\\\/04\\\/Habitatges-Jonquera-Poblenou-13.jpg&quot;},{&quot;src&quot;:&quot;https:\\\/\\\/www.garciafaura.com\\\/wp-content\\\/uploads\\\/2025\\\/04\\\/Habitatges-Jonquera-Poblenou-12.jpg&quot;},{&quot;src&quot;:&quot;https:\\\/\\\/www.garciafaura.com\\\/wp-content\\\/uploads\\\/2025\\\/04\\\/Habitatges-Jonquera-Poblenou-11.jpg&quot;},{&quot;src&quot;:&quot;https:\\\/\\\/www.garciafaura.com\\\/wp-content\\\/uploads\\\/2025\\\/04\\\/Habitatges-Jonquera-Poblenou-10.jpg&quot;},{&quot;src&quot;:&quot;https:\\\/\\\/www.garciafaura.com\\\/wp-content\\\/uploads\\\/2025\\\/04\\\/Habitatges-Jonquera-Poblenou-09.jpg&quot;},{&quot;src&quot;:&quot;https:\\\/\\\/www.garciafaura.com\\\/wp-content\\\/uploads\\\/2025\\\/04\\\/Habitatges-Jonquera-Poblenou-08.jpg&quot;},{&quot;src&quot;:&quot;https:\\\/\\\/www.garciafaura.com\\\/wp-content\\\/uploads\\\/2025\\\/04\\\/Habitatges-Jonquera-Poblenou-07.jpg&quot;},{&quot;src&quot;:&quot;https:\\\/\\\/www.garciafaura.com\\\/wp-content\\\/uploads\\\/2025\\\/04\\\/Habitatges-Jonquera-Poblenou-06.jpg&quot;},{&quot;src&quot;:&quot;https:\\\/\\\/www.garciafaura.com\\\/wp-content\\\/uploads\\\/2025\\\/04\\\/Habitatges-Jonquera-Poblenou-05.jpg&quot;},{&quot;src&quot;:&quot;https:\\\/\\\/www.garciafaura.com\\\/wp-content\\\/uploads\\\/2025\\\/04\\\/Habitatges-Jonquera-Poblenou-04.jpg&quot;},{&quot;src&quot;:&quot;https:\\\/\\\/www.garciafaura.com\\\/wp-content\\\/uploads\\\/2025\\\/04\\\/Habitatges-Jonquera-Poblenou-03.jpg&quot;},{&quot;src&quot;:&quot;https:\\\/\\\/www.garciafaura.com\\\/wp-content\\\/uploads\\\/2025\\\/04\\\/Habitatges-Jonquera-Poblenou-02.jpg&quot;}]\"><img loading=\"lazy\" decoding=\"async\" width=\"1200\" height=\"628\" src=\"https:\/\/www.garciafaura.com\/wp-content\/uploads\/2025\/04\/Habitatges-Jonquera-Poblenou-30.jpg\" class=\"portfolio-entry-img skip-lazy\" alt=\"\" data-no-lazy=\"1\" srcset=\"https:\/\/www.garciafaura.com\/wp-content\/uploads\/2025\/04\/Habitatges-Jonquera-Poblenou-30.jpg 1200w, https:\/\/www.garciafaura.com\/wp-content\/uploads\/2025\/04\/Habitatges-Jonquera-Poblenou-30-300x157.jpg 300w, https:\/\/www.garciafaura.com\/wp-content\/uploads\/2025\/04\/Habitatges-Jonquera-Poblenou-30-1024x536.jpg 1024w, https:\/\/www.garciafaura.com\/wp-content\/uploads\/2025\/04\/Habitatges-Jonquera-Poblenou-30-768x402.jpg 768w\" sizes=\"auto, (max-width: 1200px) 100vw, 1200px\" \/><\/a><\/div><div class=\"portfolio-entry-details entry-details wpex-clr\"><h2 class=\"portfolio-entry-title entry-title\"><a href=\"https:\/\/www.garciafaura.com\/fr\/portfolio-item\/habitatges-jonquera-barcelona\/\" title=\"Lotissement Jonquera Barcelone\">Lotissement Jonquera Barcelone<\/a><\/h2><div class=\"portfolio-entry-categories entry-categories wpex-clr\"><a href=\"https:\/\/www.garciafaura.com\/fr\/portfolio-category\/ensembles-residentiels\/\" class=\"term-77\">Ensembles r\u00e9sidentiels<\/a><\/div><\/div><\/div><\/div><div class=\"portfolio-entry vcex-grid-item entry-has-details span_1_of_3 col col-3 vcex-isotope-entry vcex-no-margin-entry post-36891 entry type-portfolio has-media cat-77 cat-91 translation_priority-5\"><div class=\"portfolio-entry-inner entry-inner wpex-clr\"><div class=\"portfolio-entry-media entry-media wpex-clr\"><a href=\"https:\/\/www.garciafaura.com\/wp-content\/uploads\/2024\/04\/100-Habitatges-Viladecans-7.jpg\" title=\"Promotion Central Park Llevant\" class=\"portfolio-entry-media-link wpex-lightbox-gallery\" data-gallery=\"[{&quot;src&quot;:&quot;https:\\\/\\\/www.garciafaura.com\\\/wp-content\\\/uploads\\\/2024\\\/04\\\/100-Habitatges-Viladecans-7.jpg&quot;},{&quot;src&quot;:&quot;https:\\\/\\\/www.garciafaura.com\\\/wp-content\\\/uploads\\\/2024\\\/04\\\/100-Habitatges-Viladecans-1.jpg&quot;},{&quot;src&quot;:&quot;https:\\\/\\\/www.garciafaura.com\\\/wp-content\\\/uploads\\\/2024\\\/04\\\/100-Habitatges-Viladecans-29.jpg&quot;},{&quot;src&quot;:&quot;https:\\\/\\\/www.garciafaura.com\\\/wp-content\\\/uploads\\\/2024\\\/04\\\/100-Habitatges-Viladecans-28.jpg&quot;},{&quot;src&quot;:&quot;https:\\\/\\\/www.garciafaura.com\\\/wp-content\\\/uploads\\\/2024\\\/04\\\/100-Habitatges-Viladecans-27.jpg&quot;},{&quot;src&quot;:&quot;https:\\\/\\\/www.garciafaura.com\\\/wp-content\\\/uploads\\\/2024\\\/04\\\/100-Habitatges-Viladecans-26.jpg&quot;},{&quot;src&quot;:&quot;https:\\\/\\\/www.garciafaura.com\\\/wp-content\\\/uploads\\\/2024\\\/04\\\/100-Habitatges-Viladecans-25.jpg&quot;},{&quot;src&quot;:&quot;https:\\\/\\\/www.garciafaura.com\\\/wp-content\\\/uploads\\\/2024\\\/04\\\/100-Habitatges-Viladecans-24.jpg&quot;},{&quot;src&quot;:&quot;https:\\\/\\\/www.garciafaura.com\\\/wp-content\\\/uploads\\\/2024\\\/04\\\/100-Habitatges-Viladecans-23.jpg&quot;},{&quot;src&quot;:&quot;https:\\\/\\\/www.garciafaura.com\\\/wp-content\\\/uploads\\\/2024\\\/04\\\/100-Habitatges-Viladecans-22.jpg&quot;},{&quot;src&quot;:&quot;https:\\\/\\\/www.garciafaura.com\\\/wp-content\\\/uploads\\\/2024\\\/04\\\/100-Habitatges-Viladecans-21.jpg&quot;},{&quot;src&quot;:&quot;https:\\\/\\\/www.garciafaura.com\\\/wp-content\\\/uploads\\\/2024\\\/04\\\/100-Habitatges-Viladecans-20.jpg&quot;},{&quot;src&quot;:&quot;https:\\\/\\\/www.garciafaura.com\\\/wp-content\\\/uploads\\\/2024\\\/04\\\/100-Habitatges-Viladecans-19.jpg&quot;},{&quot;src&quot;:&quot;https:\\\/\\\/www.garciafaura.com\\\/wp-content\\\/uploads\\\/2024\\\/04\\\/100-Habitatges-Viladecans-18.jpg&quot;},{&quot;src&quot;:&quot;https:\\\/\\\/www.garciafaura.com\\\/wp-content\\\/uploads\\\/2024\\\/04\\\/100-Habitatges-Viladecans-17.jpg&quot;},{&quot;src&quot;:&quot;https:\\\/\\\/www.garciafaura.com\\\/wp-content\\\/uploads\\\/2024\\\/04\\\/100-Habitatges-Viladecans-16.jpg&quot;},{&quot;src&quot;:&quot;https:\\\/\\\/www.garciafaura.com\\\/wp-content\\\/uploads\\\/2024\\\/04\\\/100-Habitatges-Viladecans-15.jpg&quot;},{&quot;src&quot;:&quot;https:\\\/\\\/www.garciafaura.com\\\/wp-content\\\/uploads\\\/2024\\\/04\\\/100-Habitatges-Viladecans-14.jpg&quot;},{&quot;src&quot;:&quot;https:\\\/\\\/www.garciafaura.com\\\/wp-content\\\/uploads\\\/2024\\\/04\\\/100-Habitatges-Viladecans-13.jpg&quot;},{&quot;src&quot;:&quot;https:\\\/\\\/www.garciafaura.com\\\/wp-content\\\/uploads\\\/2024\\\/04\\\/100-Habitatges-Viladecans-12.jpg&quot;},{&quot;src&quot;:&quot;https:\\\/\\\/www.garciafaura.com\\\/wp-content\\\/uploads\\\/2024\\\/04\\\/100-Habitatges-Viladecans-11.jpg&quot;},{&quot;src&quot;:&quot;https:\\\/\\\/www.garciafaura.com\\\/wp-content\\\/uploads\\\/2024\\\/04\\\/100-Habitatges-Viladecans-10.jpg&quot;},{&quot;src&quot;:&quot;https:\\\/\\\/www.garciafaura.com\\\/wp-content\\\/uploads\\\/2024\\\/04\\\/100-Habitatges-Viladecans-9.jpg&quot;},{&quot;src&quot;:&quot;https:\\\/\\\/www.garciafaura.com\\\/wp-content\\\/uploads\\\/2024\\\/04\\\/100-Habitatges-Viladecans-8.jpg&quot;},{&quot;src&quot;:&quot;https:\\\/\\\/www.garciafaura.com\\\/wp-content\\\/uploads\\\/2024\\\/04\\\/100-Habitatges-Viladecans-6.jpg&quot;},{&quot;src&quot;:&quot;https:\\\/\\\/www.garciafaura.com\\\/wp-content\\\/uploads\\\/2024\\\/04\\\/100-Habitatges-Viladecans-5.jpg&quot;},{&quot;src&quot;:&quot;https:\\\/\\\/www.garciafaura.com\\\/wp-content\\\/uploads\\\/2024\\\/04\\\/100-Habitatges-Viladecans-4.jpg&quot;},{&quot;src&quot;:&quot;https:\\\/\\\/www.garciafaura.com\\\/wp-content\\\/uploads\\\/2024\\\/04\\\/100-Habitatges-Viladecans-3.jpg&quot;},{&quot;src&quot;:&quot;https:\\\/\\\/www.garciafaura.com\\\/wp-content\\\/uploads\\\/2024\\\/04\\\/100-Habitatges-Viladecans-2.jpg&quot;}]\"><img loading=\"lazy\" decoding=\"async\" width=\"1200\" height=\"628\" src=\"https:\/\/www.garciafaura.com\/wp-content\/uploads\/2024\/04\/100-Habitatges-Viladecans-7.jpg\" class=\"portfolio-entry-img skip-lazy\" alt=\"\" data-no-lazy=\"1\" srcset=\"https:\/\/www.garciafaura.com\/wp-content\/uploads\/2024\/04\/100-Habitatges-Viladecans-7.jpg 1200w, https:\/\/www.garciafaura.com\/wp-content\/uploads\/2024\/04\/100-Habitatges-Viladecans-7-300x157.jpg 300w, https:\/\/www.garciafaura.com\/wp-content\/uploads\/2024\/04\/100-Habitatges-Viladecans-7-1024x536.jpg 1024w, https:\/\/www.garciafaura.com\/wp-content\/uploads\/2024\/04\/100-Habitatges-Viladecans-7-768x402.jpg 768w\" sizes=\"auto, (max-width: 1200px) 100vw, 1200px\" \/><\/a><\/div><div class=\"portfolio-entry-details entry-details wpex-clr\"><h2 class=\"portfolio-entry-title entry-title\"><a href=\"https:\/\/www.garciafaura.com\/fr\/portfolio-item\/promocio-central-park-llevant\/\" title=\"Promotion Central Park Llevant\">Promotion Central Park Llevant<\/a><\/h2><div class=\"portfolio-entry-categories entry-categories wpex-clr\"><a href=\"https:\/\/www.garciafaura.com\/fr\/portfolio-category\/ensembles-residentiels\/\" class=\"term-77\">Ensembles r\u00e9sidentiels<\/a><\/div><\/div><\/div><\/div><div class=\"portfolio-entry vcex-grid-item entry-has-details span_1_of_3 col col-1 vcex-isotope-entry vcex-no-margin-entry post-36295 entry type-portfolio has-media cat-77 translation_priority-5\"><div class=\"portfolio-entry-inner entry-inner wpex-clr\"><div class=\"portfolio-entry-media entry-media wpex-clr\"><a href=\"https:\/\/www.garciafaura.com\/wp-content\/uploads\/2024\/04\/Promocio-Zembra-Vilanova-5.jpg\" title=\"Promotion Zembra Vilanova\" class=\"portfolio-entry-media-link wpex-lightbox-gallery\" data-gallery=\"[{&quot;src&quot;:&quot;https:\\\/\\\/www.garciafaura.com\\\/wp-content\\\/uploads\\\/2024\\\/04\\\/Promocio-Zembra-Vilanova-5.jpg&quot;},{&quot;src&quot;:&quot;https:\\\/\\\/www.garciafaura.com\\\/wp-content\\\/uploads\\\/2024\\\/04\\\/Promocio-Zembra-Vilanova-1.jpg&quot;},{&quot;src&quot;:&quot;https:\\\/\\\/www.garciafaura.com\\\/wp-content\\\/uploads\\\/2024\\\/04\\\/Promocio-Zembra-Vilanova-23.jpg&quot;},{&quot;src&quot;:&quot;https:\\\/\\\/www.garciafaura.com\\\/wp-content\\\/uploads\\\/2024\\\/04\\\/Promocio-Zembra-Vilanova-22.jpg&quot;},{&quot;src&quot;:&quot;https:\\\/\\\/www.garciafaura.com\\\/wp-content\\\/uploads\\\/2024\\\/04\\\/Promocio-Zembra-Vilanova-21.jpg&quot;},{&quot;src&quot;:&quot;https:\\\/\\\/www.garciafaura.com\\\/wp-content\\\/uploads\\\/2024\\\/04\\\/Promocio-Zembra-Vilanova-20.jpg&quot;},{&quot;src&quot;:&quot;https:\\\/\\\/www.garciafaura.com\\\/wp-content\\\/uploads\\\/2024\\\/04\\\/Promocio-Zembra-Vilanova-19.jpg&quot;},{&quot;src&quot;:&quot;https:\\\/\\\/www.garciafaura.com\\\/wp-content\\\/uploads\\\/2024\\\/04\\\/Promocio-Zembra-Vilanova-18.jpg&quot;},{&quot;src&quot;:&quot;https:\\\/\\\/www.garciafaura.com\\\/wp-content\\\/uploads\\\/2024\\\/04\\\/Promocio-Zembra-Vilanova-17.jpg&quot;},{&quot;src&quot;:&quot;https:\\\/\\\/www.garciafaura.com\\\/wp-content\\\/uploads\\\/2024\\\/04\\\/Promocio-Zembra-Vilanova-16.jpg&quot;},{&quot;src&quot;:&quot;https:\\\/\\\/www.garciafaura.com\\\/wp-content\\\/uploads\\\/2024\\\/04\\\/Promocio-Zembra-Vilanova-15.jpg&quot;},{&quot;src&quot;:&quot;https:\\\/\\\/www.garciafaura.com\\\/wp-content\\\/uploads\\\/2024\\\/04\\\/Promocio-Zembra-Vilanova-14.jpg&quot;},{&quot;src&quot;:&quot;https:\\\/\\\/www.garciafaura.com\\\/wp-content\\\/uploads\\\/2024\\\/04\\\/Promocio-Zembra-Vilanova-13.jpg&quot;},{&quot;src&quot;:&quot;https:\\\/\\\/www.garciafaura.com\\\/wp-content\\\/uploads\\\/2024\\\/04\\\/Promocio-Zembra-Vilanova-12.jpg&quot;},{&quot;src&quot;:&quot;https:\\\/\\\/www.garciafaura.com\\\/wp-content\\\/uploads\\\/2024\\\/04\\\/Promocio-Zembra-Vilanova-11.jpg&quot;},{&quot;src&quot;:&quot;https:\\\/\\\/www.garciafaura.com\\\/wp-content\\\/uploads\\\/2024\\\/04\\\/Promocio-Zembra-Vilanova-10.jpg&quot;},{&quot;src&quot;:&quot;https:\\\/\\\/www.garciafaura.com\\\/wp-content\\\/uploads\\\/2024\\\/04\\\/Promocio-Zembra-Vilanova-9.jpg&quot;},{&quot;src&quot;:&quot;https:\\\/\\\/www.garciafaura.com\\\/wp-content\\\/uploads\\\/2024\\\/04\\\/Promocio-Zembra-Vilanova-8.jpg&quot;},{&quot;src&quot;:&quot;https:\\\/\\\/www.garciafaura.com\\\/wp-content\\\/uploads\\\/2024\\\/04\\\/Promocio-Zembra-Vilanova-7.jpg&quot;},{&quot;src&quot;:&quot;https:\\\/\\\/www.garciafaura.com\\\/wp-content\\\/uploads\\\/2024\\\/04\\\/Promocio-Zembra-Vilanova-6.jpg&quot;},{&quot;src&quot;:&quot;https:\\\/\\\/www.garciafaura.com\\\/wp-content\\\/uploads\\\/2024\\\/04\\\/Promocio-Zembra-Vilanova-4.jpg&quot;},{&quot;src&quot;:&quot;https:\\\/\\\/www.garciafaura.com\\\/wp-content\\\/uploads\\\/2024\\\/04\\\/Promocio-Zembra-Vilanova-3.jpg&quot;},{&quot;src&quot;:&quot;https:\\\/\\\/www.garciafaura.com\\\/wp-content\\\/uploads\\\/2024\\\/04\\\/Promocio-Zembra-Vilanova-2.jpg&quot;}]\"><img loading=\"lazy\" decoding=\"async\" width=\"1200\" height=\"628\" src=\"https:\/\/www.garciafaura.com\/wp-content\/uploads\/2024\/04\/Promocio-Zembra-Vilanova-5.jpg\" class=\"portfolio-entry-img skip-lazy\" alt=\"\" data-no-lazy=\"1\" srcset=\"https:\/\/www.garciafaura.com\/wp-content\/uploads\/2024\/04\/Promocio-Zembra-Vilanova-5.jpg 1200w, https:\/\/www.garciafaura.com\/wp-content\/uploads\/2024\/04\/Promocio-Zembra-Vilanova-5-300x157.jpg 300w, https:\/\/www.garciafaura.com\/wp-content\/uploads\/2024\/04\/Promocio-Zembra-Vilanova-5-1024x536.jpg 1024w, https:\/\/www.garciafaura.com\/wp-content\/uploads\/2024\/04\/Promocio-Zembra-Vilanova-5-768x402.jpg 768w\" sizes=\"auto, (max-width: 1200px) 100vw, 1200px\" \/><\/a><\/div><div class=\"portfolio-entry-details entry-details wpex-clr\"><h2 class=\"portfolio-entry-title entry-title\"><a href=\"https:\/\/www.garciafaura.com\/fr\/portfolio-item\/promicio-zembra-vilanova\/\" title=\"Promotion Zembra Vilanova\">Promotion Zembra Vilanova<\/a><\/h2><div class=\"portfolio-entry-categories entry-categories wpex-clr\"><a href=\"https:\/\/www.garciafaura.com\/fr\/portfolio-category\/ensembles-residentiels\/\" class=\"term-77\">Ensembles r\u00e9sidentiels<\/a><\/div><\/div><\/div><\/div><div class=\"portfolio-entry vcex-grid-item entry-has-details span_1_of_3 col col-2 vcex-isotope-entry vcex-no-margin-entry post-35604 entry type-portfolio has-media cat-77 translation_priority-5\"><div class=\"portfolio-entry-inner entry-inner wpex-clr\"><div class=\"portfolio-entry-media entry-media wpex-clr\"><a href=\"https:\/\/www.garciafaura.com\/wp-content\/uploads\/2024\/03\/Residencial-Somnia-Mare-Port-de-Badalona-1.jpg\" title=\"Promotion Somnia Mare Badalona\" class=\"portfolio-entry-media-link wpex-lightbox-gallery\" data-gallery=\"[{&quot;src&quot;:&quot;https:\\\/\\\/www.garciafaura.com\\\/wp-content\\\/uploads\\\/2024\\\/03\\\/Residencial-Somnia-Mare-Port-de-Badalona-1.jpg&quot;},{&quot;src&quot;:&quot;https:\\\/\\\/www.garciafaura.com\\\/wp-content\\\/uploads\\\/2024\\\/03\\\/Residencial-Somnia-Mare-Port-de-Badalona-35.jpg&quot;},{&quot;src&quot;:&quot;https:\\\/\\\/www.garciafaura.com\\\/wp-content\\\/uploads\\\/2024\\\/03\\\/Residencial-Somnia-Mare-Port-de-Badalona-34.jpg&quot;},{&quot;src&quot;:&quot;https:\\\/\\\/www.garciafaura.com\\\/wp-content\\\/uploads\\\/2024\\\/03\\\/Residencial-Somnia-Mare-Port-de-Badalona-33.jpg&quot;},{&quot;src&quot;:&quot;https:\\\/\\\/www.garciafaura.com\\\/wp-content\\\/uploads\\\/2024\\\/03\\\/Residencial-Somnia-Mare-Port-de-Badalona-32.jpg&quot;},{&quot;src&quot;:&quot;https:\\\/\\\/www.garciafaura.com\\\/wp-content\\\/uploads\\\/2024\\\/03\\\/Residencial-Somnia-Mare-Port-de-Badalona-31.jpg&quot;},{&quot;src&quot;:&quot;https:\\\/\\\/www.garciafaura.com\\\/wp-content\\\/uploads\\\/2024\\\/03\\\/Residencial-Somnia-Mare-Port-de-Badalona-30.jpg&quot;},{&quot;src&quot;:&quot;https:\\\/\\\/www.garciafaura.com\\\/wp-content\\\/uploads\\\/2024\\\/03\\\/Residencial-Somnia-Mare-Port-de-Badalona-29.jpg&quot;},{&quot;src&quot;:&quot;https:\\\/\\\/www.garciafaura.com\\\/wp-content\\\/uploads\\\/2024\\\/03\\\/Residencial-Somnia-Mare-Port-de-Badalona-28.jpg&quot;},{&quot;src&quot;:&quot;https:\\\/\\\/www.garciafaura.com\\\/wp-content\\\/uploads\\\/2024\\\/03\\\/Residencial-Somnia-Mare-Port-de-Badalona-27.jpg&quot;},{&quot;src&quot;:&quot;https:\\\/\\\/www.garciafaura.com\\\/wp-content\\\/uploads\\\/2024\\\/03\\\/Residencial-Somnia-Mare-Port-de-Badalona-26.jpg&quot;},{&quot;src&quot;:&quot;https:\\\/\\\/www.garciafaura.com\\\/wp-content\\\/uploads\\\/2024\\\/03\\\/Residencial-Somnia-Mare-Port-de-Badalona-25.jpg&quot;},{&quot;src&quot;:&quot;https:\\\/\\\/www.garciafaura.com\\\/wp-content\\\/uploads\\\/2024\\\/03\\\/Residencial-Somnia-Mare-Port-de-Badalona-24.jpg&quot;},{&quot;src&quot;:&quot;https:\\\/\\\/www.garciafaura.com\\\/wp-content\\\/uploads\\\/2024\\\/03\\\/Residencial-Somnia-Mare-Port-de-Badalona-23.jpg&quot;},{&quot;src&quot;:&quot;https:\\\/\\\/www.garciafaura.com\\\/wp-content\\\/uploads\\\/2024\\\/03\\\/Residencial-Somnia-Mare-Port-de-Badalona-22.jpg&quot;},{&quot;src&quot;:&quot;https:\\\/\\\/www.garciafaura.com\\\/wp-content\\\/uploads\\\/2024\\\/03\\\/Residencial-Somnia-Mare-Port-de-Badalona-21.jpg&quot;},{&quot;src&quot;:&quot;https:\\\/\\\/www.garciafaura.com\\\/wp-content\\\/uploads\\\/2024\\\/03\\\/Residencial-Somnia-Mare-Port-de-Badalona-20.jpg&quot;},{&quot;src&quot;:&quot;https:\\\/\\\/www.garciafaura.com\\\/wp-content\\\/uploads\\\/2024\\\/03\\\/Residencial-Somnia-Mare-Port-de-Badalona-19.jpg&quot;},{&quot;src&quot;:&quot;https:\\\/\\\/www.garciafaura.com\\\/wp-content\\\/uploads\\\/2024\\\/03\\\/Residencial-Somnia-Mare-Port-de-Badalona-18.jpg&quot;},{&quot;src&quot;:&quot;https:\\\/\\\/www.garciafaura.com\\\/wp-content\\\/uploads\\\/2024\\\/03\\\/Residencial-Somnia-Mare-Port-de-Badalona-17.jpg&quot;},{&quot;src&quot;:&quot;https:\\\/\\\/www.garciafaura.com\\\/wp-content\\\/uploads\\\/2024\\\/03\\\/Residencial-Somnia-Mare-Port-de-Badalona-16.jpg&quot;},{&quot;src&quot;:&quot;https:\\\/\\\/www.garciafaura.com\\\/wp-content\\\/uploads\\\/2024\\\/03\\\/Residencial-Somnia-Mare-Port-de-Badalona-15.jpg&quot;},{&quot;src&quot;:&quot;https:\\\/\\\/www.garciafaura.com\\\/wp-content\\\/uploads\\\/2024\\\/03\\\/Residencial-Somnia-Mare-Port-de-Badalona-14.jpg&quot;},{&quot;src&quot;:&quot;https:\\\/\\\/www.garciafaura.com\\\/wp-content\\\/uploads\\\/2024\\\/03\\\/Residencial-Somnia-Mare-Port-de-Badalona-13.jpg&quot;},{&quot;src&quot;:&quot;https:\\\/\\\/www.garciafaura.com\\\/wp-content\\\/uploads\\\/2024\\\/03\\\/Residencial-Somnia-Mare-Port-de-Badalona-12.jpg&quot;},{&quot;src&quot;:&quot;https:\\\/\\\/www.garciafaura.com\\\/wp-content\\\/uploads\\\/2024\\\/03\\\/Residencial-Somnia-Mare-Port-de-Badalona-11.jpg&quot;},{&quot;src&quot;:&quot;https:\\\/\\\/www.garciafaura.com\\\/wp-content\\\/uploads\\\/2024\\\/03\\\/Residencial-Somnia-Mare-Port-de-Badalona-10.jpg&quot;},{&quot;src&quot;:&quot;https:\\\/\\\/www.garciafaura.com\\\/wp-content\\\/uploads\\\/2024\\\/03\\\/Residencial-Somnia-Mare-Port-de-Badalona-9.jpg&quot;},{&quot;src&quot;:&quot;https:\\\/\\\/www.garciafaura.com\\\/wp-content\\\/uploads\\\/2024\\\/03\\\/Residencial-Somnia-Mare-Port-de-Badalona-8.jpg&quot;},{&quot;src&quot;:&quot;https:\\\/\\\/www.garciafaura.com\\\/wp-content\\\/uploads\\\/2024\\\/03\\\/Residencial-Somnia-Mare-Port-de-Badalona-7.jpg&quot;},{&quot;src&quot;:&quot;https:\\\/\\\/www.garciafaura.com\\\/wp-content\\\/uploads\\\/2024\\\/03\\\/Residencial-Somnia-Mare-Port-de-Badalona-6.jpg&quot;},{&quot;src&quot;:&quot;https:\\\/\\\/www.garciafaura.com\\\/wp-content\\\/uploads\\\/2024\\\/03\\\/Residencial-Somnia-Mare-Port-de-Badalona-5.jpg&quot;},{&quot;src&quot;:&quot;https:\\\/\\\/www.garciafaura.com\\\/wp-content\\\/uploads\\\/2024\\\/03\\\/Residencial-Somnia-Mare-Port-de-Badalona-4.jpg&quot;},{&quot;src&quot;:&quot;https:\\\/\\\/www.garciafaura.com\\\/wp-content\\\/uploads\\\/2024\\\/03\\\/Residencial-Somnia-Mare-Port-de-Badalona-3.jpg&quot;},{&quot;src&quot;:&quot;https:\\\/\\\/www.garciafaura.com\\\/wp-content\\\/uploads\\\/2024\\\/03\\\/Residencial-Somnia-Mare-Port-de-Badalona-2.jpg&quot;}]\"><img loading=\"lazy\" decoding=\"async\" width=\"1200\" height=\"628\" src=\"https:\/\/www.garciafaura.com\/wp-content\/uploads\/2024\/03\/Residencial-Somnia-Mare-Port-de-Badalona-1.jpg\" class=\"portfolio-entry-img skip-lazy\" alt=\"\" data-no-lazy=\"1\" srcset=\"https:\/\/www.garciafaura.com\/wp-content\/uploads\/2024\/03\/Residencial-Somnia-Mare-Port-de-Badalona-1.jpg 1200w, https:\/\/www.garciafaura.com\/wp-content\/uploads\/2024\/03\/Residencial-Somnia-Mare-Port-de-Badalona-1-300x157.jpg 300w, https:\/\/www.garciafaura.com\/wp-content\/uploads\/2024\/03\/Residencial-Somnia-Mare-Port-de-Badalona-1-1024x536.jpg 1024w, https:\/\/www.garciafaura.com\/wp-content\/uploads\/2024\/03\/Residencial-Somnia-Mare-Port-de-Badalona-1-768x402.jpg 768w\" sizes=\"auto, (max-width: 1200px) 100vw, 1200px\" \/><\/a><\/div><div class=\"portfolio-entry-details entry-details wpex-clr\"><h2 class=\"portfolio-entry-title entry-title\"><a href=\"https:\/\/www.garciafaura.com\/fr\/portfolio-item\/promocio-somnia-mare-badalona\/\" title=\"Promotion Somnia Mare Badalona\">Promotion Somnia Mare Badalona<\/a><\/h2><div class=\"portfolio-entry-categories entry-categories wpex-clr\"><a href=\"https:\/\/www.garciafaura.com\/fr\/portfolio-category\/ensembles-residentiels\/\" class=\"term-77\">Ensembles r\u00e9sidentiels<\/a><\/div><\/div><\/div><\/div><div class=\"portfolio-entry vcex-grid-item entry-has-details span_1_of_3 col col-3 vcex-isotope-entry vcex-no-margin-entry post-35245 entry type-portfolio has-media cat-77 cat-91 cat-93 cat-95 translation_priority-5\"><div class=\"portfolio-entry-inner entry-inner wpex-clr\"><div class=\"portfolio-entry-media entry-media wpex-clr\"><a href=\"https:\/\/www.garciafaura.com\/wp-content\/uploads\/2024\/02\/Torre-Antares-01.jpg\" title=\"Tour Antares\" class=\"portfolio-entry-media-link wpex-lightbox-gallery\" data-gallery=\"[{&quot;src&quot;:&quot;https:\\\/\\\/www.garciafaura.com\\\/wp-content\\\/uploads\\\/2024\\\/02\\\/Torre-Antares-01.jpg&quot;},{&quot;src&quot;:&quot;https:\\\/\\\/www.garciafaura.com\\\/wp-content\\\/uploads\\\/2024\\\/02\\\/Torre-Antares-55.jpg&quot;},{&quot;src&quot;:&quot;https:\\\/\\\/www.garciafaura.com\\\/wp-content\\\/uploads\\\/2024\\\/02\\\/Torre-Antares-54.jpg&quot;},{&quot;src&quot;:&quot;https:\\\/\\\/www.garciafaura.com\\\/wp-content\\\/uploads\\\/2024\\\/02\\\/Torre-Antares-53.jpg&quot;},{&quot;src&quot;:&quot;https:\\\/\\\/www.garciafaura.com\\\/wp-content\\\/uploads\\\/2024\\\/02\\\/Torre-Antares-52.jpg&quot;},{&quot;src&quot;:&quot;https:\\\/\\\/www.garciafaura.com\\\/wp-content\\\/uploads\\\/2024\\\/02\\\/Torre-Antares-51.jpg&quot;},{&quot;src&quot;:&quot;https:\\\/\\\/www.garciafaura.com\\\/wp-content\\\/uploads\\\/2024\\\/02\\\/Torre-Antares-50.jpg&quot;},{&quot;src&quot;:&quot;https:\\\/\\\/www.garciafaura.com\\\/wp-content\\\/uploads\\\/2024\\\/02\\\/Torre-Antares-49.jpg&quot;},{&quot;src&quot;:&quot;https:\\\/\\\/www.garciafaura.com\\\/wp-content\\\/uploads\\\/2024\\\/02\\\/Torre-Antares-48.jpg&quot;},{&quot;src&quot;:&quot;https:\\\/\\\/www.garciafaura.com\\\/wp-content\\\/uploads\\\/2024\\\/02\\\/Torre-Antares-47.jpg&quot;},{&quot;src&quot;:&quot;https:\\\/\\\/www.garciafaura.com\\\/wp-content\\\/uploads\\\/2024\\\/02\\\/Torre-Antares-46.jpg&quot;},{&quot;src&quot;:&quot;https:\\\/\\\/www.garciafaura.com\\\/wp-content\\\/uploads\\\/2024\\\/02\\\/Torre-Antares-45.jpg&quot;},{&quot;src&quot;:&quot;https:\\\/\\\/www.garciafaura.com\\\/wp-content\\\/uploads\\\/2024\\\/02\\\/Torre-Antares-44.jpg&quot;},{&quot;src&quot;:&quot;https:\\\/\\\/www.garciafaura.com\\\/wp-content\\\/uploads\\\/2024\\\/02\\\/Torre-Antares-43.jpg&quot;},{&quot;src&quot;:&quot;https:\\\/\\\/www.garciafaura.com\\\/wp-content\\\/uploads\\\/2024\\\/02\\\/Torre-Antares-42.jpg&quot;},{&quot;src&quot;:&quot;https:\\\/\\\/www.garciafaura.com\\\/wp-content\\\/uploads\\\/2024\\\/02\\\/Torre-Antares-41.jpg&quot;},{&quot;src&quot;:&quot;https:\\\/\\\/www.garciafaura.com\\\/wp-content\\\/uploads\\\/2024\\\/02\\\/Torre-Antares-40.jpg&quot;},{&quot;src&quot;:&quot;https:\\\/\\\/www.garciafaura.com\\\/wp-content\\\/uploads\\\/2024\\\/02\\\/Torre-Antares-39.jpg&quot;},{&quot;src&quot;:&quot;https:\\\/\\\/www.garciafaura.com\\\/wp-content\\\/uploads\\\/2024\\\/02\\\/Torre-Antares-38.jpg&quot;},{&quot;src&quot;:&quot;https:\\\/\\\/www.garciafaura.com\\\/wp-content\\\/uploads\\\/2024\\\/02\\\/Torre-Antares-37.jpg&quot;},{&quot;src&quot;:&quot;https:\\\/\\\/www.garciafaura.com\\\/wp-content\\\/uploads\\\/2024\\\/02\\\/Torre-Antares-36.jpg&quot;},{&quot;src&quot;:&quot;https:\\\/\\\/www.garciafaura.com\\\/wp-content\\\/uploads\\\/2024\\\/02\\\/Torre-Antares-35.jpg&quot;},{&quot;src&quot;:&quot;https:\\\/\\\/www.garciafaura.com\\\/wp-content\\\/uploads\\\/2024\\\/02\\\/Torre-Antares-34.jpg&quot;},{&quot;src&quot;:&quot;https:\\\/\\\/www.garciafaura.com\\\/wp-content\\\/uploads\\\/2024\\\/02\\\/Torre-Antares-33.jpg&quot;},{&quot;src&quot;:&quot;https:\\\/\\\/www.garciafaura.com\\\/wp-content\\\/uploads\\\/2024\\\/02\\\/Torre-Antares-32.jpg&quot;},{&quot;src&quot;:&quot;https:\\\/\\\/www.garciafaura.com\\\/wp-content\\\/uploads\\\/2024\\\/02\\\/Torre-Antares-31.jpg&quot;},{&quot;src&quot;:&quot;https:\\\/\\\/www.garciafaura.com\\\/wp-content\\\/uploads\\\/2024\\\/02\\\/Torre-Antares-30.jpg&quot;},{&quot;src&quot;:&quot;https:\\\/\\\/www.garciafaura.com\\\/wp-content\\\/uploads\\\/2024\\\/02\\\/Torre-Antares-29.jpg&quot;},{&quot;src&quot;:&quot;https:\\\/\\\/www.garciafaura.com\\\/wp-content\\\/uploads\\\/2024\\\/02\\\/Torre-Antares-28.jpg&quot;},{&quot;src&quot;:&quot;https:\\\/\\\/www.garciafaura.com\\\/wp-content\\\/uploads\\\/2024\\\/02\\\/Torre-Antares-27.jpg&quot;},{&quot;src&quot;:&quot;https:\\\/\\\/www.garciafaura.com\\\/wp-content\\\/uploads\\\/2024\\\/02\\\/Torre-Antares-26.jpg&quot;},{&quot;src&quot;:&quot;https:\\\/\\\/www.garciafaura.com\\\/wp-content\\\/uploads\\\/2024\\\/02\\\/Torre-Antares-25.jpg&quot;},{&quot;src&quot;:&quot;https:\\\/\\\/www.garciafaura.com\\\/wp-content\\\/uploads\\\/2024\\\/02\\\/Torre-Antares-24.jpg&quot;},{&quot;src&quot;:&quot;https:\\\/\\\/www.garciafaura.com\\\/wp-content\\\/uploads\\\/2024\\\/02\\\/Torre-Antares-23.jpg&quot;},{&quot;src&quot;:&quot;https:\\\/\\\/www.garciafaura.com\\\/wp-content\\\/uploads\\\/2024\\\/02\\\/Torre-Antares-22.jpg&quot;},{&quot;src&quot;:&quot;https:\\\/\\\/www.garciafaura.com\\\/wp-content\\\/uploads\\\/2024\\\/02\\\/Torre-Antares-21.jpg&quot;},{&quot;src&quot;:&quot;https:\\\/\\\/www.garciafaura.com\\\/wp-content\\\/uploads\\\/2024\\\/02\\\/Torre-Antares-20.jpg&quot;},{&quot;src&quot;:&quot;https:\\\/\\\/www.garciafaura.com\\\/wp-content\\\/uploads\\\/2024\\\/02\\\/Torre-Antares-19.jpg&quot;},{&quot;src&quot;:&quot;https:\\\/\\\/www.garciafaura.com\\\/wp-content\\\/uploads\\\/2024\\\/02\\\/Torre-Antares-18.jpg&quot;},{&quot;src&quot;:&quot;https:\\\/\\\/www.garciafaura.com\\\/wp-content\\\/uploads\\\/2024\\\/02\\\/Torre-Antares-17.jpg&quot;},{&quot;src&quot;:&quot;https:\\\/\\\/www.garciafaura.com\\\/wp-content\\\/uploads\\\/2024\\\/02\\\/Torre-Antares-16.jpg&quot;},{&quot;src&quot;:&quot;https:\\\/\\\/www.garciafaura.com\\\/wp-content\\\/uploads\\\/2024\\\/02\\\/Torre-Antares-15.jpg&quot;},{&quot;src&quot;:&quot;https:\\\/\\\/www.garciafaura.com\\\/wp-content\\\/uploads\\\/2024\\\/02\\\/Torre-Antares-14.jpg&quot;},{&quot;src&quot;:&quot;https:\\\/\\\/www.garciafaura.com\\\/wp-content\\\/uploads\\\/2024\\\/02\\\/Torre-Antares-13.jpg&quot;},{&quot;src&quot;:&quot;https:\\\/\\\/www.garciafaura.com\\\/wp-content\\\/uploads\\\/2024\\\/02\\\/Torre-Antares-12.jpg&quot;},{&quot;src&quot;:&quot;https:\\\/\\\/www.garciafaura.com\\\/wp-content\\\/uploads\\\/2024\\\/02\\\/Torre-Antares-11.jpg&quot;},{&quot;src&quot;:&quot;https:\\\/\\\/www.garciafaura.com\\\/wp-content\\\/uploads\\\/2024\\\/02\\\/Torre-Antares-10.jpg&quot;},{&quot;src&quot;:&quot;https:\\\/\\\/www.garciafaura.com\\\/wp-content\\\/uploads\\\/2024\\\/02\\\/Torre-Antares-09.jpg&quot;},{&quot;src&quot;:&quot;https:\\\/\\\/www.garciafaura.com\\\/wp-content\\\/uploads\\\/2024\\\/02\\\/Torre-Antares-08.jpg&quot;},{&quot;src&quot;:&quot;https:\\\/\\\/www.garciafaura.com\\\/wp-content\\\/uploads\\\/2024\\\/02\\\/Torre-Antares-07.jpg&quot;},{&quot;src&quot;:&quot;https:\\\/\\\/www.garciafaura.com\\\/wp-content\\\/uploads\\\/2024\\\/02\\\/Torre-Antares-06.jpg&quot;},{&quot;src&quot;:&quot;https:\\\/\\\/www.garciafaura.com\\\/wp-content\\\/uploads\\\/2024\\\/02\\\/Torre-Antares-05.jpg&quot;},{&quot;src&quot;:&quot;https:\\\/\\\/www.garciafaura.com\\\/wp-content\\\/uploads\\\/2024\\\/02\\\/Torre-Antares-04.jpg&quot;},{&quot;src&quot;:&quot;https:\\\/\\\/www.garciafaura.com\\\/wp-content\\\/uploads\\\/2024\\\/02\\\/Torre-Antares-03.jpg&quot;},{&quot;src&quot;:&quot;https:\\\/\\\/www.garciafaura.com\\\/wp-content\\\/uploads\\\/2024\\\/02\\\/Torre-Antares-02.jpg&quot;}]\"><img loading=\"lazy\" decoding=\"async\" width=\"1200\" height=\"628\" src=\"https:\/\/www.garciafaura.com\/wp-content\/uploads\/2024\/02\/Torre-Antares-01.jpg\" class=\"portfolio-entry-img skip-lazy\" alt=\"\" data-no-lazy=\"1\" srcset=\"https:\/\/www.garciafaura.com\/wp-content\/uploads\/2024\/02\/Torre-Antares-01.jpg 1200w, https:\/\/www.garciafaura.com\/wp-content\/uploads\/2024\/02\/Torre-Antares-01-300x157.jpg 300w, https:\/\/www.garciafaura.com\/wp-content\/uploads\/2024\/02\/Torre-Antares-01-1024x536.jpg 1024w, https:\/\/www.garciafaura.com\/wp-content\/uploads\/2024\/02\/Torre-Antares-01-768x402.jpg 768w, https:\/\/www.garciafaura.com\/wp-content\/uploads\/2024\/02\/Torre-Antares-01-600x314.jpg 600w\" sizes=\"auto, (max-width: 1200px) 100vw, 1200px\" \/><\/a><\/div><div class=\"portfolio-entry-details entry-details wpex-clr\"><h2 class=\"portfolio-entry-title entry-title\"><a href=\"https:\/\/www.garciafaura.com\/fr\/portfolio-item\/torre-antares\/\" title=\"Tour Antares\">Tour Antares<\/a><\/h2><div class=\"portfolio-entry-categories entry-categories wpex-clr\"><a href=\"https:\/\/www.garciafaura.com\/fr\/portfolio-category\/ensembles-residentiels\/\" class=\"term-77\">Ensembles r\u00e9sidentiels<\/a><\/div><\/div><\/div><\/div><div class=\"portfolio-entry vcex-grid-item entry-has-details span_1_of_3 col col-1 vcex-isotope-entry vcex-no-margin-entry post-33816 entry type-portfolio has-media cat-77 translation_priority-5\"><div class=\"portfolio-entry-inner entry-inner wpex-clr\"><div class=\"portfolio-entry-media entry-media wpex-clr\"><a href=\"https:\/\/www.garciafaura.com\/wp-content\/uploads\/2023\/11\/Habitatges-La-Sagrera-09.jpg\" title=\"R\u00e9sidentiel Sagrera 2.0\" class=\"portfolio-entry-media-link wpex-lightbox-gallery\" data-gallery=\"[{&quot;src&quot;:&quot;https:\\\/\\\/www.garciafaura.com\\\/wp-content\\\/uploads\\\/2023\\\/11\\\/Habitatges-La-Sagrera-09.jpg&quot;},{&quot;src&quot;:&quot;https:\\\/\\\/www.garciafaura.com\\\/wp-content\\\/uploads\\\/2023\\\/11\\\/Habitatges-La-Sagrera-01.jpg&quot;},{&quot;src&quot;:&quot;https:\\\/\\\/www.garciafaura.com\\\/wp-content\\\/uploads\\\/2023\\\/11\\\/Habitatges-La-Sagrera-28.jpg&quot;},{&quot;src&quot;:&quot;https:\\\/\\\/www.garciafaura.com\\\/wp-content\\\/uploads\\\/2023\\\/11\\\/Habitatges-La-Sagrera-27.jpg&quot;},{&quot;src&quot;:&quot;https:\\\/\\\/www.garciafaura.com\\\/wp-content\\\/uploads\\\/2023\\\/11\\\/Habitatges-La-Sagrera-26.jpg&quot;},{&quot;src&quot;:&quot;https:\\\/\\\/www.garciafaura.com\\\/wp-content\\\/uploads\\\/2023\\\/11\\\/Habitatges-La-Sagrera-25.jpg&quot;},{&quot;src&quot;:&quot;https:\\\/\\\/www.garciafaura.com\\\/wp-content\\\/uploads\\\/2023\\\/11\\\/Habitatges-La-Sagrera-24.jpg&quot;},{&quot;src&quot;:&quot;https:\\\/\\\/www.garciafaura.com\\\/wp-content\\\/uploads\\\/2023\\\/11\\\/Habitatges-La-Sagrera-23.jpg&quot;},{&quot;src&quot;:&quot;https:\\\/\\\/www.garciafaura.com\\\/wp-content\\\/uploads\\\/2023\\\/11\\\/Habitatges-La-Sagrera-22.jpg&quot;},{&quot;src&quot;:&quot;https:\\\/\\\/www.garciafaura.com\\\/wp-content\\\/uploads\\\/2023\\\/11\\\/Habitatges-La-Sagrera-21.jpg&quot;},{&quot;src&quot;:&quot;https:\\\/\\\/www.garciafaura.com\\\/wp-content\\\/uploads\\\/2023\\\/11\\\/Habitatges-La-Sagrera-20.jpg&quot;},{&quot;src&quot;:&quot;https:\\\/\\\/www.garciafaura.com\\\/wp-content\\\/uploads\\\/2023\\\/11\\\/Habitatges-La-Sagrera-19.jpg&quot;},{&quot;src&quot;:&quot;https:\\\/\\\/www.garciafaura.com\\\/wp-content\\\/uploads\\\/2023\\\/11\\\/Habitatges-La-Sagrera-18.jpg&quot;},{&quot;src&quot;:&quot;https:\\\/\\\/www.garciafaura.com\\\/wp-content\\\/uploads\\\/2023\\\/11\\\/Habitatges-La-Sagrera-17.jpg&quot;},{&quot;src&quot;:&quot;https:\\\/\\\/www.garciafaura.com\\\/wp-content\\\/uploads\\\/2023\\\/11\\\/Habitatges-La-Sagrera-16.jpg&quot;},{&quot;src&quot;:&quot;https:\\\/\\\/www.garciafaura.com\\\/wp-content\\\/uploads\\\/2023\\\/11\\\/Habitatges-La-Sagrera-15.jpg&quot;},{&quot;src&quot;:&quot;https:\\\/\\\/www.garciafaura.com\\\/wp-content\\\/uploads\\\/2023\\\/11\\\/Habitatges-La-Sagrera-14.jpg&quot;},{&quot;src&quot;:&quot;https:\\\/\\\/www.garciafaura.com\\\/wp-content\\\/uploads\\\/2023\\\/11\\\/Habitatges-La-Sagrera-13.jpg&quot;},{&quot;src&quot;:&quot;https:\\\/\\\/www.garciafaura.com\\\/wp-content\\\/uploads\\\/2023\\\/11\\\/Habitatges-La-Sagrera-12.jpg&quot;},{&quot;src&quot;:&quot;https:\\\/\\\/www.garciafaura.com\\\/wp-content\\\/uploads\\\/2023\\\/11\\\/Habitatges-La-Sagrera-11.jpg&quot;},{&quot;src&quot;:&quot;https:\\\/\\\/www.garciafaura.com\\\/wp-content\\\/uploads\\\/2023\\\/11\\\/Habitatges-La-Sagrera-10.jpg&quot;},{&quot;src&quot;:&quot;https:\\\/\\\/www.garciafaura.com\\\/wp-content\\\/uploads\\\/2023\\\/11\\\/Habitatges-La-Sagrera-08.jpg&quot;},{&quot;src&quot;:&quot;https:\\\/\\\/www.garciafaura.com\\\/wp-content\\\/uploads\\\/2023\\\/11\\\/Habitatges-La-Sagrera-07.jpg&quot;},{&quot;src&quot;:&quot;https:\\\/\\\/www.garciafaura.com\\\/wp-content\\\/uploads\\\/2023\\\/11\\\/Habitatges-La-Sagrera-06.jpg&quot;},{&quot;src&quot;:&quot;https:\\\/\\\/www.garciafaura.com\\\/wp-content\\\/uploads\\\/2023\\\/11\\\/Habitatges-La-Sagrera-05.jpg&quot;},{&quot;src&quot;:&quot;https:\\\/\\\/www.garciafaura.com\\\/wp-content\\\/uploads\\\/2023\\\/11\\\/Habitatges-La-Sagrera-04.jpg&quot;},{&quot;src&quot;:&quot;https:\\\/\\\/www.garciafaura.com\\\/wp-content\\\/uploads\\\/2023\\\/11\\\/Habitatges-La-Sagrera-03.jpg&quot;},{&quot;src&quot;:&quot;https:\\\/\\\/www.garciafaura.com\\\/wp-content\\\/uploads\\\/2023\\\/11\\\/Habitatges-La-Sagrera-02.jpg&quot;}]\"><img loading=\"lazy\" decoding=\"async\" width=\"1200\" height=\"628\" src=\"https:\/\/www.garciafaura.com\/wp-content\/uploads\/2023\/11\/Habitatges-La-Sagrera-09.jpg\" class=\"portfolio-entry-img skip-lazy\" alt=\"\" data-no-lazy=\"1\" srcset=\"https:\/\/www.garciafaura.com\/wp-content\/uploads\/2023\/11\/Habitatges-La-Sagrera-09.jpg 1200w, https:\/\/www.garciafaura.com\/wp-content\/uploads\/2023\/11\/Habitatges-La-Sagrera-09-300x157.jpg 300w, https:\/\/www.garciafaura.com\/wp-content\/uploads\/2023\/11\/Habitatges-La-Sagrera-09-1024x536.jpg 1024w, https:\/\/www.garciafaura.com\/wp-content\/uploads\/2023\/11\/Habitatges-La-Sagrera-09-768x402.jpg 768w\" sizes=\"auto, (max-width: 1200px) 100vw, 1200px\" \/><\/a><\/div><div class=\"portfolio-entry-details entry-details wpex-clr\"><h2 class=\"portfolio-entry-title entry-title\"><a href=\"https:\/\/www.garciafaura.com\/fr\/portfolio-item\/residentiel-sagrera-2-0\/\" title=\"R\u00e9sidentiel Sagrera 2.0\">R\u00e9sidentiel Sagrera 2.0<\/a><\/h2><div class=\"portfolio-entry-categories entry-categories wpex-clr\"><a href=\"https:\/\/www.garciafaura.com\/fr\/portfolio-category\/ensembles-residentiels\/\" class=\"term-77\">Ensembles r\u00e9sidentiels<\/a><\/div><\/div><\/div><\/div><div class=\"portfolio-entry vcex-grid-item entry-has-details span_1_of_3 col col-2 vcex-isotope-entry vcex-no-margin-entry post-33803 entry type-portfolio has-media cat-77 translation_priority-5\"><div class=\"portfolio-entry-inner entry-inner wpex-clr\"><div class=\"portfolio-entry-media entry-media wpex-clr\"><a href=\"https:\/\/www.garciafaura.com\/wp-content\/uploads\/2023\/11\/Habitatges-Sirani-Terrassa-17.jpg\" title=\"R\u00e9sidentiel Sirani Terrassa\" class=\"portfolio-entry-media-link wpex-lightbox-gallery\" data-gallery=\"[{&quot;src&quot;:&quot;https:\\\/\\\/www.garciafaura.com\\\/wp-content\\\/uploads\\\/2023\\\/11\\\/Habitatges-Sirani-Terrassa-8.jpg&quot;},{&quot;src&quot;:&quot;https:\\\/\\\/www.garciafaura.com\\\/wp-content\\\/uploads\\\/2023\\\/11\\\/Habitatges-Sirani-Terrassa-1.jpg&quot;},{&quot;src&quot;:&quot;https:\\\/\\\/www.garciafaura.com\\\/wp-content\\\/uploads\\\/2023\\\/11\\\/Habitatges-Sirani-Terrassa-22.jpg&quot;},{&quot;src&quot;:&quot;https:\\\/\\\/www.garciafaura.com\\\/wp-content\\\/uploads\\\/2023\\\/11\\\/Habitatges-Sirani-Terrassa-21.jpg&quot;},{&quot;src&quot;:&quot;https:\\\/\\\/www.garciafaura.com\\\/wp-content\\\/uploads\\\/2023\\\/11\\\/Habitatges-Sirani-Terrassa-20.jpg&quot;},{&quot;src&quot;:&quot;https:\\\/\\\/www.garciafaura.com\\\/wp-content\\\/uploads\\\/2023\\\/11\\\/Habitatges-Sirani-Terrassa-19.jpg&quot;},{&quot;src&quot;:&quot;https:\\\/\\\/www.garciafaura.com\\\/wp-content\\\/uploads\\\/2023\\\/11\\\/Habitatges-Sirani-Terrassa-18.jpg&quot;},{&quot;src&quot;:&quot;https:\\\/\\\/www.garciafaura.com\\\/wp-content\\\/uploads\\\/2023\\\/11\\\/Habitatges-Sirani-Terrassa-17.jpg&quot;},{&quot;src&quot;:&quot;https:\\\/\\\/www.garciafaura.com\\\/wp-content\\\/uploads\\\/2023\\\/11\\\/Habitatges-Sirani-Terrassa-16.jpg&quot;},{&quot;src&quot;:&quot;https:\\\/\\\/www.garciafaura.com\\\/wp-content\\\/uploads\\\/2023\\\/11\\\/Habitatges-Sirani-Terrassa-15.jpg&quot;},{&quot;src&quot;:&quot;https:\\\/\\\/www.garciafaura.com\\\/wp-content\\\/uploads\\\/2023\\\/11\\\/Habitatges-Sirani-Terrassa-14.jpg&quot;},{&quot;src&quot;:&quot;https:\\\/\\\/www.garciafaura.com\\\/wp-content\\\/uploads\\\/2023\\\/11\\\/Habitatges-Sirani-Terrassa-13.jpg&quot;},{&quot;src&quot;:&quot;https:\\\/\\\/www.garciafaura.com\\\/wp-content\\\/uploads\\\/2023\\\/11\\\/Habitatges-Sirani-Terrassa-12.jpg&quot;},{&quot;src&quot;:&quot;https:\\\/\\\/www.garciafaura.com\\\/wp-content\\\/uploads\\\/2023\\\/11\\\/Habitatges-Sirani-Terrassa-11.jpg&quot;},{&quot;src&quot;:&quot;https:\\\/\\\/www.garciafaura.com\\\/wp-content\\\/uploads\\\/2023\\\/11\\\/Habitatges-Sirani-Terrassa-10.jpg&quot;},{&quot;src&quot;:&quot;https:\\\/\\\/www.garciafaura.com\\\/wp-content\\\/uploads\\\/2023\\\/11\\\/Habitatges-Sirani-Terrassa-9.jpg&quot;},{&quot;src&quot;:&quot;https:\\\/\\\/www.garciafaura.com\\\/wp-content\\\/uploads\\\/2023\\\/11\\\/Habitatges-Sirani-Terrassa-7.jpg&quot;},{&quot;src&quot;:&quot;https:\\\/\\\/www.garciafaura.com\\\/wp-content\\\/uploads\\\/2023\\\/11\\\/Habitatges-Sirani-Terrassa-6.jpg&quot;},{&quot;src&quot;:&quot;https:\\\/\\\/www.garciafaura.com\\\/wp-content\\\/uploads\\\/2023\\\/11\\\/Habitatges-Sirani-Terrassa-5.jpg&quot;},{&quot;src&quot;:&quot;https:\\\/\\\/www.garciafaura.com\\\/wp-content\\\/uploads\\\/2023\\\/11\\\/Habitatges-Sirani-Terrassa-4.jpg&quot;},{&quot;src&quot;:&quot;https:\\\/\\\/www.garciafaura.com\\\/wp-content\\\/uploads\\\/2023\\\/11\\\/Habitatges-Sirani-Terrassa-3.jpg&quot;},{&quot;src&quot;:&quot;https:\\\/\\\/www.garciafaura.com\\\/wp-content\\\/uploads\\\/2023\\\/11\\\/Habitatges-Sirani-Terrassa-2.jpg&quot;}]\"><img loading=\"lazy\" decoding=\"async\" width=\"1200\" height=\"628\" src=\"https:\/\/www.garciafaura.com\/wp-content\/uploads\/2023\/11\/Habitatges-Sirani-Terrassa-17.jpg\" class=\"portfolio-entry-img skip-lazy\" alt=\"\" data-no-lazy=\"1\" srcset=\"https:\/\/www.garciafaura.com\/wp-content\/uploads\/2023\/11\/Habitatges-Sirani-Terrassa-17.jpg 1200w, https:\/\/www.garciafaura.com\/wp-content\/uploads\/2023\/11\/Habitatges-Sirani-Terrassa-17-300x157.jpg 300w, https:\/\/www.garciafaura.com\/wp-content\/uploads\/2023\/11\/Habitatges-Sirani-Terrassa-17-1024x536.jpg 1024w, https:\/\/www.garciafaura.com\/wp-content\/uploads\/2023\/11\/Habitatges-Sirani-Terrassa-17-768x402.jpg 768w\" sizes=\"auto, (max-width: 1200px) 100vw, 1200px\" \/><\/a><\/div><div class=\"portfolio-entry-details entry-details wpex-clr\"><h2 class=\"portfolio-entry-title entry-title\"><a href=\"https:\/\/www.garciafaura.com\/fr\/portfolio-item\/residentiel-sirani-terrassa\/\" title=\"R\u00e9sidentiel Sirani Terrassa\">R\u00e9sidentiel Sirani Terrassa<\/a><\/h2><div class=\"portfolio-entry-categories entry-categories wpex-clr\"><a href=\"https:\/\/www.garciafaura.com\/fr\/portfolio-category\/ensembles-residentiels\/\" class=\"term-77\">Ensembles r\u00e9sidentiels<\/a><\/div><\/div><\/div><\/div><div class=\"portfolio-entry vcex-grid-item entry-has-details span_1_of_3 col col-3 vcex-isotope-entry vcex-no-margin-entry post-33494 entry type-portfolio has-media cat-77 translation_priority-5\"><div class=\"portfolio-entry-inner entry-inner wpex-clr\"><div class=\"portfolio-entry-media entry-media wpex-clr\"><a href=\"https:\/\/www.garciafaura.com\/wp-content\/uploads\/2023\/10\/Residencia-destudiants-Doctor-Trueta-01.jpg\" title=\"R\u00e9sidence Doctor Trueta\" class=\"portfolio-entry-media-link wpex-lightbox-gallery\" data-gallery=\"[{&quot;src&quot;:&quot;https:\\\/\\\/www.garciafaura.com\\\/wp-content\\\/uploads\\\/2023\\\/10\\\/Residencia-destudiants-Doctor-Trueta-01.jpg&quot;},{&quot;src&quot;:&quot;https:\\\/\\\/www.garciafaura.com\\\/wp-content\\\/uploads\\\/2023\\\/10\\\/Residencia-destudiants-Doctor-Trueta-33.jpg&quot;},{&quot;src&quot;:&quot;https:\\\/\\\/www.garciafaura.com\\\/wp-content\\\/uploads\\\/2023\\\/10\\\/Residencia-destudiants-Doctor-Trueta-32.jpg&quot;},{&quot;src&quot;:&quot;https:\\\/\\\/www.garciafaura.com\\\/wp-content\\\/uploads\\\/2023\\\/10\\\/Residencia-destudiants-Doctor-Trueta-31.jpg&quot;},{&quot;src&quot;:&quot;https:\\\/\\\/www.garciafaura.com\\\/wp-content\\\/uploads\\\/2023\\\/10\\\/Residencia-destudiants-Doctor-Trueta-30.jpg&quot;},{&quot;src&quot;:&quot;https:\\\/\\\/www.garciafaura.com\\\/wp-content\\\/uploads\\\/2023\\\/10\\\/Residencia-destudiants-Doctor-Trueta-29.jpg&quot;},{&quot;src&quot;:&quot;https:\\\/\\\/www.garciafaura.com\\\/wp-content\\\/uploads\\\/2023\\\/10\\\/Residencia-destudiants-Doctor-Trueta-28.jpg&quot;},{&quot;src&quot;:&quot;https:\\\/\\\/www.garciafaura.com\\\/wp-content\\\/uploads\\\/2023\\\/10\\\/Residencia-destudiants-Doctor-Trueta-27.jpg&quot;},{&quot;src&quot;:&quot;https:\\\/\\\/www.garciafaura.com\\\/wp-content\\\/uploads\\\/2023\\\/10\\\/Residencia-destudiants-Doctor-Trueta-26.jpg&quot;},{&quot;src&quot;:&quot;https:\\\/\\\/www.garciafaura.com\\\/wp-content\\\/uploads\\\/2023\\\/10\\\/Residencia-destudiants-Doctor-Trueta-25.jpg&quot;},{&quot;src&quot;:&quot;https:\\\/\\\/www.garciafaura.com\\\/wp-content\\\/uploads\\\/2023\\\/10\\\/Residencia-destudiants-Doctor-Trueta-24.jpg&quot;},{&quot;src&quot;:&quot;https:\\\/\\\/www.garciafaura.com\\\/wp-content\\\/uploads\\\/2023\\\/10\\\/Residencia-destudiants-Doctor-Trueta-23.jpg&quot;},{&quot;src&quot;:&quot;https:\\\/\\\/www.garciafaura.com\\\/wp-content\\\/uploads\\\/2023\\\/10\\\/Residencia-destudiants-Doctor-Trueta-22.jpg&quot;},{&quot;src&quot;:&quot;https:\\\/\\\/www.garciafaura.com\\\/wp-content\\\/uploads\\\/2023\\\/10\\\/Residencia-destudiants-Doctor-Trueta-21.jpg&quot;},{&quot;src&quot;:&quot;https:\\\/\\\/www.garciafaura.com\\\/wp-content\\\/uploads\\\/2023\\\/10\\\/Residencia-destudiants-Doctor-Trueta-20.jpg&quot;},{&quot;src&quot;:&quot;https:\\\/\\\/www.garciafaura.com\\\/wp-content\\\/uploads\\\/2023\\\/10\\\/Residencia-destudiants-Doctor-Trueta-19.jpg&quot;},{&quot;src&quot;:&quot;https:\\\/\\\/www.garciafaura.com\\\/wp-content\\\/uploads\\\/2023\\\/10\\\/Residencia-destudiants-Doctor-Trueta-18.jpg&quot;},{&quot;src&quot;:&quot;https:\\\/\\\/www.garciafaura.com\\\/wp-content\\\/uploads\\\/2023\\\/10\\\/Residencia-destudiants-Doctor-Trueta-17.jpg&quot;},{&quot;src&quot;:&quot;https:\\\/\\\/www.garciafaura.com\\\/wp-content\\\/uploads\\\/2023\\\/10\\\/Residencia-destudiants-Doctor-Trueta-16.jpg&quot;},{&quot;src&quot;:&quot;https:\\\/\\\/www.garciafaura.com\\\/wp-content\\\/uploads\\\/2023\\\/10\\\/Residencia-destudiants-Doctor-Trueta-15.jpg&quot;},{&quot;src&quot;:&quot;https:\\\/\\\/www.garciafaura.com\\\/wp-content\\\/uploads\\\/2023\\\/10\\\/Residencia-destudiants-Doctor-Trueta-14.jpg&quot;},{&quot;src&quot;:&quot;https:\\\/\\\/www.garciafaura.com\\\/wp-content\\\/uploads\\\/2023\\\/10\\\/Residencia-destudiants-Doctor-Trueta-13.jpg&quot;},{&quot;src&quot;:&quot;https:\\\/\\\/www.garciafaura.com\\\/wp-content\\\/uploads\\\/2023\\\/10\\\/Residencia-destudiants-Doctor-Trueta-12.jpg&quot;},{&quot;src&quot;:&quot;https:\\\/\\\/www.garciafaura.com\\\/wp-content\\\/uploads\\\/2023\\\/10\\\/Residencia-destudiants-Doctor-Trueta-11.jpg&quot;},{&quot;src&quot;:&quot;https:\\\/\\\/www.garciafaura.com\\\/wp-content\\\/uploads\\\/2023\\\/10\\\/Residencia-destudiants-Doctor-Trueta-10.jpg&quot;},{&quot;src&quot;:&quot;https:\\\/\\\/www.garciafaura.com\\\/wp-content\\\/uploads\\\/2023\\\/10\\\/Residencia-destudiants-Doctor-Trueta-09.jpg&quot;},{&quot;src&quot;:&quot;https:\\\/\\\/www.garciafaura.com\\\/wp-content\\\/uploads\\\/2023\\\/10\\\/Residencia-destudiants-Doctor-Trueta-08.jpg&quot;},{&quot;src&quot;:&quot;https:\\\/\\\/www.garciafaura.com\\\/wp-content\\\/uploads\\\/2023\\\/10\\\/Residencia-destudiants-Doctor-Trueta-07.jpg&quot;},{&quot;src&quot;:&quot;https:\\\/\\\/www.garciafaura.com\\\/wp-content\\\/uploads\\\/2023\\\/10\\\/Residencia-destudiants-Doctor-Trueta-06.jpg&quot;},{&quot;src&quot;:&quot;https:\\\/\\\/www.garciafaura.com\\\/wp-content\\\/uploads\\\/2023\\\/10\\\/Residencia-destudiants-Doctor-Trueta-05.jpg&quot;},{&quot;src&quot;:&quot;https:\\\/\\\/www.garciafaura.com\\\/wp-content\\\/uploads\\\/2023\\\/10\\\/Residencia-destudiants-Doctor-Trueta-04.jpg&quot;},{&quot;src&quot;:&quot;https:\\\/\\\/www.garciafaura.com\\\/wp-content\\\/uploads\\\/2023\\\/10\\\/Residencia-destudiants-Doctor-Trueta-03.jpg&quot;},{&quot;src&quot;:&quot;https:\\\/\\\/www.garciafaura.com\\\/wp-content\\\/uploads\\\/2023\\\/10\\\/Residencia-destudiants-Doctor-Trueta-02.jpg&quot;}]\"><img loading=\"lazy\" decoding=\"async\" width=\"1200\" height=\"628\" src=\"https:\/\/www.garciafaura.com\/wp-content\/uploads\/2023\/10\/Residencia-destudiants-Doctor-Trueta-01.jpg\" class=\"portfolio-entry-img skip-lazy\" alt=\"\" data-no-lazy=\"1\" srcset=\"https:\/\/www.garciafaura.com\/wp-content\/uploads\/2023\/10\/Residencia-destudiants-Doctor-Trueta-01.jpg 1200w, https:\/\/www.garciafaura.com\/wp-content\/uploads\/2023\/10\/Residencia-destudiants-Doctor-Trueta-01-300x157.jpg 300w, https:\/\/www.garciafaura.com\/wp-content\/uploads\/2023\/10\/Residencia-destudiants-Doctor-Trueta-01-1024x536.jpg 1024w, https:\/\/www.garciafaura.com\/wp-content\/uploads\/2023\/10\/Residencia-destudiants-Doctor-Trueta-01-768x402.jpg 768w\" sizes=\"auto, (max-width: 1200px) 100vw, 1200px\" \/><\/a><\/div><div class=\"portfolio-entry-details entry-details wpex-clr\"><h2 class=\"portfolio-entry-title entry-title\"><a href=\"https:\/\/www.garciafaura.com\/fr\/portfolio-item\/residencia-doctor-trueta\/\" title=\"R\u00e9sidence Doctor Trueta\">R\u00e9sidence Doctor Trueta<\/a><\/h2><div class=\"portfolio-entry-categories entry-categories wpex-clr\"><a href=\"https:\/\/www.garciafaura.com\/fr\/portfolio-category\/ensembles-residentiels\/\" class=\"term-77\">Ensembles r\u00e9sidentiels<\/a><\/div><\/div><\/div><\/div><div class=\"portfolio-entry vcex-grid-item entry-has-details span_1_of_3 col col-1 vcex-isotope-entry vcex-no-margin-entry post-33355 entry type-portfolio has-media cat-77 translation_priority-5\"><div class=\"portfolio-entry-inner entry-inner wpex-clr\"><div class=\"portfolio-entry-media entry-media wpex-clr\"><a href=\"https:\/\/www.garciafaura.com\/wp-content\/uploads\/2023\/09\/Habitatges-port-Badalona-27.jpg\" title=\"Lotissement \u00eele 6 Badalona\" class=\"portfolio-entry-media-link wpex-lightbox-gallery\" data-gallery=\"[{&quot;src&quot;:&quot;https:\\\/\\\/www.garciafaura.com\\\/wp-content\\\/uploads\\\/2023\\\/09\\\/Habitatges-port-Badalona-27.jpg&quot;},{&quot;src&quot;:&quot;https:\\\/\\\/www.garciafaura.com\\\/wp-content\\\/uploads\\\/2023\\\/09\\\/Habitatges-port-Badalona-01.jpg&quot;},{&quot;src&quot;:&quot;https:\\\/\\\/www.garciafaura.com\\\/wp-content\\\/uploads\\\/2023\\\/09\\\/Habitatges-port-Badalona-26.jpg&quot;},{&quot;src&quot;:&quot;https:\\\/\\\/www.garciafaura.com\\\/wp-content\\\/uploads\\\/2023\\\/09\\\/Habitatges-port-Badalona-25.jpg&quot;},{&quot;src&quot;:&quot;https:\\\/\\\/www.garciafaura.com\\\/wp-content\\\/uploads\\\/2023\\\/09\\\/Habitatges-port-Badalona-24.jpg&quot;},{&quot;src&quot;:&quot;https:\\\/\\\/www.garciafaura.com\\\/wp-content\\\/uploads\\\/2023\\\/09\\\/Habitatges-port-Badalona-23.jpg&quot;},{&quot;src&quot;:&quot;https:\\\/\\\/www.garciafaura.com\\\/wp-content\\\/uploads\\\/2023\\\/09\\\/Habitatges-port-Badalona-22.jpg&quot;},{&quot;src&quot;:&quot;https:\\\/\\\/www.garciafaura.com\\\/wp-content\\\/uploads\\\/2023\\\/09\\\/Habitatges-port-Badalona-21.jpg&quot;},{&quot;src&quot;:&quot;https:\\\/\\\/www.garciafaura.com\\\/wp-content\\\/uploads\\\/2023\\\/09\\\/Habitatges-port-Badalona-20.jpg&quot;},{&quot;src&quot;:&quot;https:\\\/\\\/www.garciafaura.com\\\/wp-content\\\/uploads\\\/2023\\\/09\\\/Habitatges-port-Badalona-19.jpg&quot;},{&quot;src&quot;:&quot;https:\\\/\\\/www.garciafaura.com\\\/wp-content\\\/uploads\\\/2023\\\/09\\\/Habitatges-port-Badalona-18.jpg&quot;},{&quot;src&quot;:&quot;https:\\\/\\\/www.garciafaura.com\\\/wp-content\\\/uploads\\\/2023\\\/09\\\/Habitatges-port-Badalona-17.jpg&quot;},{&quot;src&quot;:&quot;https:\\\/\\\/www.garciafaura.com\\\/wp-content\\\/uploads\\\/2023\\\/09\\\/Habitatges-port-Badalona-16.jpg&quot;},{&quot;src&quot;:&quot;https:\\\/\\\/www.garciafaura.com\\\/wp-content\\\/uploads\\\/2023\\\/09\\\/Habitatges-port-Badalona-15.jpg&quot;},{&quot;src&quot;:&quot;https:\\\/\\\/www.garciafaura.com\\\/wp-content\\\/uploads\\\/2023\\\/09\\\/Habitatges-port-Badalona-14.jpg&quot;},{&quot;src&quot;:&quot;https:\\\/\\\/www.garciafaura.com\\\/wp-content\\\/uploads\\\/2023\\\/09\\\/Habitatges-port-Badalona-13.jpg&quot;},{&quot;src&quot;:&quot;https:\\\/\\\/www.garciafaura.com\\\/wp-content\\\/uploads\\\/2023\\\/09\\\/Habitatges-port-Badalona-12.jpg&quot;},{&quot;src&quot;:&quot;https:\\\/\\\/www.garciafaura.com\\\/wp-content\\\/uploads\\\/2023\\\/09\\\/Habitatges-port-Badalona-11.jpg&quot;},{&quot;src&quot;:&quot;https:\\\/\\\/www.garciafaura.com\\\/wp-content\\\/uploads\\\/2023\\\/09\\\/Habitatges-port-Badalona-10.jpg&quot;},{&quot;src&quot;:&quot;https:\\\/\\\/www.garciafaura.com\\\/wp-content\\\/uploads\\\/2023\\\/09\\\/Habitatges-port-Badalona-09.jpg&quot;},{&quot;src&quot;:&quot;https:\\\/\\\/www.garciafaura.com\\\/wp-content\\\/uploads\\\/2023\\\/09\\\/Habitatges-port-Badalona-08.jpg&quot;},{&quot;src&quot;:&quot;https:\\\/\\\/www.garciafaura.com\\\/wp-content\\\/uploads\\\/2023\\\/09\\\/Habitatges-port-Badalona-07.jpg&quot;},{&quot;src&quot;:&quot;https:\\\/\\\/www.garciafaura.com\\\/wp-content\\\/uploads\\\/2023\\\/09\\\/Habitatges-port-Badalona-06.jpg&quot;},{&quot;src&quot;:&quot;https:\\\/\\\/www.garciafaura.com\\\/wp-content\\\/uploads\\\/2023\\\/09\\\/Habitatges-port-Badalona-05.jpg&quot;},{&quot;src&quot;:&quot;https:\\\/\\\/www.garciafaura.com\\\/wp-content\\\/uploads\\\/2023\\\/09\\\/Habitatges-port-Badalona-04.jpg&quot;},{&quot;src&quot;:&quot;https:\\\/\\\/www.garciafaura.com\\\/wp-content\\\/uploads\\\/2023\\\/09\\\/Habitatges-port-Badalona-03.jpg&quot;},{&quot;src&quot;:&quot;https:\\\/\\\/www.garciafaura.com\\\/wp-content\\\/uploads\\\/2023\\\/09\\\/Habitatges-port-Badalona-02.jpg&quot;}]\"><img loading=\"lazy\" decoding=\"async\" width=\"1200\" height=\"628\" src=\"https:\/\/www.garciafaura.com\/wp-content\/uploads\/2023\/09\/Habitatges-port-Badalona-27.jpg\" class=\"portfolio-entry-img skip-lazy\" alt=\"\" data-no-lazy=\"1\" srcset=\"https:\/\/www.garciafaura.com\/wp-content\/uploads\/2023\/09\/Habitatges-port-Badalona-27.jpg 1200w, https:\/\/www.garciafaura.com\/wp-content\/uploads\/2023\/09\/Habitatges-port-Badalona-27-300x157.jpg 300w, https:\/\/www.garciafaura.com\/wp-content\/uploads\/2023\/09\/Habitatges-port-Badalona-27-1024x536.jpg 1024w, https:\/\/www.garciafaura.com\/wp-content\/uploads\/2023\/09\/Habitatges-port-Badalona-27-768x402.jpg 768w\" sizes=\"auto, (max-width: 1200px) 100vw, 1200px\" \/><\/a><\/div><div class=\"portfolio-entry-details entry-details wpex-clr\"><h2 class=\"portfolio-entry-title entry-title\"><a href=\"https:\/\/www.garciafaura.com\/fr\/portfolio-item\/promocio-habitatges-illa-6-badalona\/\" title=\"Lotissement \u00eele 6 Badalona\">Lotissement \u00eele 6 Badalona<\/a><\/h2><div class=\"portfolio-entry-categories entry-categories wpex-clr\"><a href=\"https:\/\/www.garciafaura.com\/fr\/portfolio-category\/ensembles-residentiels\/\" class=\"term-77\">Ensembles r\u00e9sidentiels<\/a><\/div><\/div><\/div><\/div><div class=\"portfolio-entry vcex-grid-item entry-has-details span_1_of_3 col col-2 vcex-isotope-entry vcex-no-margin-entry post-32517 entry type-portfolio has-media cat-77 translation_priority-5\"><div class=\"portfolio-entry-inner entry-inner wpex-clr\"><div class=\"portfolio-entry-media entry-media wpex-clr\"><a href=\"https:\/\/www.garciafaura.com\/wp-content\/uploads\/2023\/08\/Residencial-Can-Calderon-01.jpg\" title=\"R\u00e9sidentiel Can Calder\u00f3n\" class=\"portfolio-entry-media-link wpex-lightbox-gallery\" data-gallery=\"[{&quot;src&quot;:&quot;https:\\\/\\\/www.garciafaura.com\\\/wp-content\\\/uploads\\\/2023\\\/08\\\/Residencial-Can-Calderon-01.jpg&quot;},{&quot;src&quot;:&quot;https:\\\/\\\/www.garciafaura.com\\\/wp-content\\\/uploads\\\/2023\\\/08\\\/Residencial-Can-Calderon-22.jpg&quot;},{&quot;src&quot;:&quot;https:\\\/\\\/www.garciafaura.com\\\/wp-content\\\/uploads\\\/2023\\\/08\\\/Residencial-Can-Calderon-21.jpg&quot;},{&quot;src&quot;:&quot;https:\\\/\\\/www.garciafaura.com\\\/wp-content\\\/uploads\\\/2023\\\/08\\\/Residencial-Can-Calderon-20.jpg&quot;},{&quot;src&quot;:&quot;https:\\\/\\\/www.garciafaura.com\\\/wp-content\\\/uploads\\\/2023\\\/08\\\/Residencial-Can-Calderon-19.jpg&quot;},{&quot;src&quot;:&quot;https:\\\/\\\/www.garciafaura.com\\\/wp-content\\\/uploads\\\/2023\\\/08\\\/Residencial-Can-Calderon-18.jpg&quot;},{&quot;src&quot;:&quot;https:\\\/\\\/www.garciafaura.com\\\/wp-content\\\/uploads\\\/2023\\\/08\\\/Residencial-Can-Calderon-17.jpg&quot;},{&quot;src&quot;:&quot;https:\\\/\\\/www.garciafaura.com\\\/wp-content\\\/uploads\\\/2023\\\/08\\\/Residencial-Can-Calderon-16.jpg&quot;},{&quot;src&quot;:&quot;https:\\\/\\\/www.garciafaura.com\\\/wp-content\\\/uploads\\\/2023\\\/08\\\/Residencial-Can-Calderon-15.jpg&quot;},{&quot;src&quot;:&quot;https:\\\/\\\/www.garciafaura.com\\\/wp-content\\\/uploads\\\/2023\\\/08\\\/Residencial-Can-Calderon-14.jpg&quot;},{&quot;src&quot;:&quot;https:\\\/\\\/www.garciafaura.com\\\/wp-content\\\/uploads\\\/2023\\\/08\\\/Residencial-Can-Calderon-13.jpg&quot;},{&quot;src&quot;:&quot;https:\\\/\\\/www.garciafaura.com\\\/wp-content\\\/uploads\\\/2023\\\/08\\\/Residencial-Can-Calderon-12.jpg&quot;},{&quot;src&quot;:&quot;https:\\\/\\\/www.garciafaura.com\\\/wp-content\\\/uploads\\\/2023\\\/08\\\/Residencial-Can-Calderon-11.jpg&quot;},{&quot;src&quot;:&quot;https:\\\/\\\/www.garciafaura.com\\\/wp-content\\\/uploads\\\/2023\\\/08\\\/Residencial-Can-Calderon-10.jpg&quot;},{&quot;src&quot;:&quot;https:\\\/\\\/www.garciafaura.com\\\/wp-content\\\/uploads\\\/2023\\\/08\\\/Residencial-Can-Calderon-09.jpg&quot;},{&quot;src&quot;:&quot;https:\\\/\\\/www.garciafaura.com\\\/wp-content\\\/uploads\\\/2023\\\/08\\\/Residencial-Can-Calderon-08.jpg&quot;},{&quot;src&quot;:&quot;https:\\\/\\\/www.garciafaura.com\\\/wp-content\\\/uploads\\\/2023\\\/08\\\/Residencial-Can-Calderon-07.jpg&quot;},{&quot;src&quot;:&quot;https:\\\/\\\/www.garciafaura.com\\\/wp-content\\\/uploads\\\/2023\\\/08\\\/Residencial-Can-Calderon-06.jpg&quot;},{&quot;src&quot;:&quot;https:\\\/\\\/www.garciafaura.com\\\/wp-content\\\/uploads\\\/2023\\\/08\\\/Residencial-Can-Calderon-05.jpg&quot;},{&quot;src&quot;:&quot;https:\\\/\\\/www.garciafaura.com\\\/wp-content\\\/uploads\\\/2023\\\/08\\\/Residencial-Can-Calderon-04.jpg&quot;},{&quot;src&quot;:&quot;https:\\\/\\\/www.garciafaura.com\\\/wp-content\\\/uploads\\\/2023\\\/08\\\/Residencial-Can-Calderon-03.jpg&quot;},{&quot;src&quot;:&quot;https:\\\/\\\/www.garciafaura.com\\\/wp-content\\\/uploads\\\/2023\\\/08\\\/Residencial-Can-Calderon-02.jpg&quot;}]\"><img loading=\"lazy\" decoding=\"async\" width=\"1200\" height=\"628\" src=\"https:\/\/www.garciafaura.com\/wp-content\/uploads\/2023\/08\/Residencial-Can-Calderon-01.jpg\" class=\"portfolio-entry-img skip-lazy\" alt=\"\" data-no-lazy=\"1\" srcset=\"https:\/\/www.garciafaura.com\/wp-content\/uploads\/2023\/08\/Residencial-Can-Calderon-01.jpg 1200w, https:\/\/www.garciafaura.com\/wp-content\/uploads\/2023\/08\/Residencial-Can-Calderon-01-300x157.jpg 300w, https:\/\/www.garciafaura.com\/wp-content\/uploads\/2023\/08\/Residencial-Can-Calderon-01-1024x536.jpg 1024w, https:\/\/www.garciafaura.com\/wp-content\/uploads\/2023\/08\/Residencial-Can-Calderon-01-768x402.jpg 768w\" sizes=\"auto, (max-width: 1200px) 100vw, 1200px\" \/><\/a><\/div><div class=\"portfolio-entry-details entry-details wpex-clr\"><h2 class=\"portfolio-entry-title entry-title\"><a href=\"https:\/\/www.garciafaura.com\/fr\/portfolio-item\/residencial-can-calderon\/\" title=\"R\u00e9sidentiel Can Calder\u00f3n\">R\u00e9sidentiel Can Calder\u00f3n<\/a><\/h2><div class=\"portfolio-entry-categories entry-categories wpex-clr\"><a href=\"https:\/\/www.garciafaura.com\/fr\/portfolio-category\/ensembles-residentiels\/\" class=\"term-77\">Ensembles r\u00e9sidentiels<\/a><\/div><\/div><\/div><\/div><div class=\"portfolio-entry vcex-grid-item entry-has-details span_1_of_3 col col-3 vcex-isotope-entry vcex-no-margin-entry post-32291 entry type-portfolio has-media cat-77 cat-93 translation_priority-5\"><div class=\"portfolio-entry-inner entry-inner wpex-clr\"><div class=\"portfolio-entry-media entry-media wpex-clr\"><a href=\"https:\/\/www.garciafaura.com\/wp-content\/uploads\/2023\/07\/Meritxell-Andorra-01-1.jpg\" title=\"Promotion Meritxell Andorra\" class=\"portfolio-entry-media-link wpex-lightbox-gallery\" data-gallery=\"[{&quot;src&quot;:&quot;https:\\\/\\\/www.garciafaura.com\\\/wp-content\\\/uploads\\\/2023\\\/07\\\/Meritxell-Andorra-01-1.jpg&quot;},{&quot;src&quot;:&quot;https:\\\/\\\/www.garciafaura.com\\\/wp-content\\\/uploads\\\/2023\\\/07\\\/Meritxell-Andorra-05.jpg&quot;},{&quot;src&quot;:&quot;https:\\\/\\\/www.garciafaura.com\\\/wp-content\\\/uploads\\\/2023\\\/07\\\/Meritxell-Andorra-03-1.jpg&quot;},{&quot;src&quot;:&quot;https:\\\/\\\/www.garciafaura.com\\\/wp-content\\\/uploads\\\/2023\\\/07\\\/Meritxell-Andorra-04.jpg&quot;},{&quot;src&quot;:&quot;https:\\\/\\\/www.garciafaura.com\\\/wp-content\\\/uploads\\\/2023\\\/07\\\/Meritxell-Andorra-02-1.jpg&quot;}]\"><img loading=\"lazy\" decoding=\"async\" width=\"1200\" height=\"628\" src=\"https:\/\/www.garciafaura.com\/wp-content\/uploads\/2023\/07\/Meritxell-Andorra-01-1.jpg\" class=\"portfolio-entry-img skip-lazy\" alt=\"\" data-no-lazy=\"1\" srcset=\"https:\/\/www.garciafaura.com\/wp-content\/uploads\/2023\/07\/Meritxell-Andorra-01-1.jpg 1200w, https:\/\/www.garciafaura.com\/wp-content\/uploads\/2023\/07\/Meritxell-Andorra-01-1-300x157.jpg 300w, https:\/\/www.garciafaura.com\/wp-content\/uploads\/2023\/07\/Meritxell-Andorra-01-1-1024x536.jpg 1024w, https:\/\/www.garciafaura.com\/wp-content\/uploads\/2023\/07\/Meritxell-Andorra-01-1-768x402.jpg 768w, https:\/\/www.garciafaura.com\/wp-content\/uploads\/2023\/07\/Meritxell-Andorra-01-1-600x314.jpg 600w\" sizes=\"auto, (max-width: 1200px) 100vw, 1200px\" \/><\/a><\/div><div class=\"portfolio-entry-details entry-details wpex-clr\"><h2 class=\"portfolio-entry-title entry-title\"><a href=\"https:\/\/www.garciafaura.com\/fr\/portfolio-item\/promocio-meritxell-andorra\/\" title=\"Promotion Meritxell Andorra\">Promotion Meritxell Andorra<\/a><\/h2><div class=\"portfolio-entry-categories entry-categories wpex-clr\"><a href=\"https:\/\/www.garciafaura.com\/fr\/portfolio-category\/ensembles-residentiels\/\" class=\"term-77\">Ensembles r\u00e9sidentiels<\/a><\/div><\/div><\/div><\/div><div class=\"portfolio-entry vcex-grid-item entry-has-details span_1_of_3 col col-1 vcex-isotope-entry vcex-no-margin-entry post-31941 entry type-portfolio has-media cat-75 cat-77 cat-90 translation_priority-5\"><div class=\"portfolio-entry-inner entry-inner wpex-clr\"><div class=\"portfolio-entry-media entry-media wpex-clr\"><a href=\"https:\/\/www.garciafaura.com\/wp-content\/uploads\/2023\/04\/Habitatges-residencia-carrer-Mallorca-14.jpg\" title=\"Logement et r\u00e9sidence Mallorca 234\" class=\"portfolio-entry-media-link wpex-lightbox-gallery\" data-gallery=\"[{&quot;src&quot;:&quot;https:\\\/\\\/www.garciafaura.com\\\/wp-content\\\/uploads\\\/2023\\\/04\\\/Habitatges-residencia-carrer-Mallorca-14.jpg&quot;,&quot;title&quot;:&quot;GARCIA FAURA&quot;},{&quot;src&quot;:&quot;https:\\\/\\\/www.garciafaura.com\\\/wp-content\\\/uploads\\\/2023\\\/04\\\/Habitatges-residencia-carrer-Mallorca-32.jpg&quot;,&quot;title&quot;:&quot;GARCIA FAURA&quot;},{&quot;src&quot;:&quot;https:\\\/\\\/www.garciafaura.com\\\/wp-content\\\/uploads\\\/2023\\\/04\\\/Habitatges-residencia-carrer-Mallorca-31.jpg&quot;,&quot;title&quot;:&quot;GARCIA FAURA&quot;},{&quot;src&quot;:&quot;https:\\\/\\\/www.garciafaura.com\\\/wp-content\\\/uploads\\\/2023\\\/04\\\/Habitatges-residencia-carrer-Mallorca-30.jpg&quot;,&quot;title&quot;:&quot;GARCIA FAURA&quot;},{&quot;src&quot;:&quot;https:\\\/\\\/www.garciafaura.com\\\/wp-content\\\/uploads\\\/2023\\\/04\\\/Habitatges-residencia-carrer-Mallorca-29.jpg&quot;,&quot;title&quot;:&quot;GARCIA FAURA&quot;},{&quot;src&quot;:&quot;https:\\\/\\\/www.garciafaura.com\\\/wp-content\\\/uploads\\\/2023\\\/04\\\/Habitatges-residencia-carrer-Mallorca-28.jpg&quot;,&quot;title&quot;:&quot;GARCIA FAURA&quot;},{&quot;src&quot;:&quot;https:\\\/\\\/www.garciafaura.com\\\/wp-content\\\/uploads\\\/2023\\\/04\\\/Habitatges-residencia-carrer-Mallorca-27.jpg&quot;,&quot;title&quot;:&quot;GARCIA FAURA&quot;},{&quot;src&quot;:&quot;https:\\\/\\\/www.garciafaura.com\\\/wp-content\\\/uploads\\\/2023\\\/04\\\/Habitatges-residencia-carrer-Mallorca-26.jpg&quot;,&quot;title&quot;:&quot;GARCIA FAURA&quot;},{&quot;src&quot;:&quot;https:\\\/\\\/www.garciafaura.com\\\/wp-content\\\/uploads\\\/2023\\\/04\\\/Habitatges-residencia-carrer-Mallorca-25.jpg&quot;,&quot;title&quot;:&quot;GARCIA FAURA&quot;},{&quot;src&quot;:&quot;https:\\\/\\\/www.garciafaura.com\\\/wp-content\\\/uploads\\\/2023\\\/04\\\/Habitatges-residencia-carrer-Mallorca-24.jpg&quot;,&quot;title&quot;:&quot;GARCIA FAURA&quot;},{&quot;src&quot;:&quot;https:\\\/\\\/www.garciafaura.com\\\/wp-content\\\/uploads\\\/2023\\\/04\\\/Habitatges-residencia-carrer-Mallorca-23.jpg&quot;,&quot;title&quot;:&quot;GARCIA FAURA&quot;},{&quot;src&quot;:&quot;https:\\\/\\\/www.garciafaura.com\\\/wp-content\\\/uploads\\\/2023\\\/04\\\/Habitatges-residencia-carrer-Mallorca-22.jpg&quot;,&quot;title&quot;:&quot;GARCIA FAURA&quot;},{&quot;src&quot;:&quot;https:\\\/\\\/www.garciafaura.com\\\/wp-content\\\/uploads\\\/2023\\\/04\\\/Habitatges-residencia-carrer-Mallorca-21.jpg&quot;,&quot;title&quot;:&quot;GARCIA FAURA&quot;},{&quot;src&quot;:&quot;https:\\\/\\\/www.garciafaura.com\\\/wp-content\\\/uploads\\\/2023\\\/04\\\/Habitatges-residencia-carrer-Mallorca-19.jpg&quot;,&quot;title&quot;:&quot;GARCIA FAURA&quot;},{&quot;src&quot;:&quot;https:\\\/\\\/www.garciafaura.com\\\/wp-content\\\/uploads\\\/2023\\\/04\\\/Habitatges-residencia-carrer-Mallorca-20.jpg&quot;,&quot;title&quot;:&quot;GARCIA FAURA&quot;},{&quot;src&quot;:&quot;https:\\\/\\\/www.garciafaura.com\\\/wp-content\\\/uploads\\\/2023\\\/04\\\/Habitatges-residencia-carrer-Mallorca-18.jpg&quot;,&quot;title&quot;:&quot;GARCIA FAURA&quot;},{&quot;src&quot;:&quot;https:\\\/\\\/www.garciafaura.com\\\/wp-content\\\/uploads\\\/2023\\\/04\\\/Habitatges-residencia-carrer-Mallorca-17.jpg&quot;,&quot;title&quot;:&quot;GARCIA FAURA&quot;},{&quot;src&quot;:&quot;https:\\\/\\\/www.garciafaura.com\\\/wp-content\\\/uploads\\\/2023\\\/04\\\/Habitatges-residencia-carrer-Mallorca-16.jpg&quot;,&quot;title&quot;:&quot;GARCIA FAURA&quot;},{&quot;src&quot;:&quot;https:\\\/\\\/www.garciafaura.com\\\/wp-content\\\/uploads\\\/2023\\\/04\\\/Habitatges-residencia-carrer-Mallorca-15.jpg&quot;,&quot;title&quot;:&quot;GARCIA FAURA&quot;},{&quot;src&quot;:&quot;https:\\\/\\\/www.garciafaura.com\\\/wp-content\\\/uploads\\\/2023\\\/04\\\/Habitatges-residencia-carrer-Mallorca-13.jpg&quot;,&quot;title&quot;:&quot;GARCIA FAURA&quot;},{&quot;src&quot;:&quot;https:\\\/\\\/www.garciafaura.com\\\/wp-content\\\/uploads\\\/2023\\\/04\\\/Habitatges-residencia-carrer-Mallorca-12.jpg&quot;,&quot;title&quot;:&quot;GARCIA FAURA&quot;},{&quot;src&quot;:&quot;https:\\\/\\\/www.garciafaura.com\\\/wp-content\\\/uploads\\\/2023\\\/04\\\/Habitatges-residencia-carrer-Mallorca-11.jpg&quot;,&quot;title&quot;:&quot;GARCIA FAURA&quot;},{&quot;src&quot;:&quot;https:\\\/\\\/www.garciafaura.com\\\/wp-content\\\/uploads\\\/2023\\\/04\\\/Habitatges-residencia-carrer-Mallorca-10.jpg&quot;,&quot;title&quot;:&quot;GARCIA FAURA&quot;},{&quot;src&quot;:&quot;https:\\\/\\\/www.garciafaura.com\\\/wp-content\\\/uploads\\\/2023\\\/04\\\/Habitatges-residencia-carrer-Mallorca-9.jpg&quot;,&quot;title&quot;:&quot;GARCIA FAURA&quot;},{&quot;src&quot;:&quot;https:\\\/\\\/www.garciafaura.com\\\/wp-content\\\/uploads\\\/2023\\\/04\\\/Habitatges-residencia-carrer-Mallorca-8.jpg&quot;,&quot;title&quot;:&quot;GARCIA FAURA&quot;},{&quot;src&quot;:&quot;https:\\\/\\\/www.garciafaura.com\\\/wp-content\\\/uploads\\\/2023\\\/04\\\/Habitatges-residencia-carrer-Mallorca-7.jpg&quot;,&quot;title&quot;:&quot;GARCIA FAURA&quot;},{&quot;src&quot;:&quot;https:\\\/\\\/www.garciafaura.com\\\/wp-content\\\/uploads\\\/2023\\\/04\\\/Habitatges-residencia-carrer-Mallorca-6.jpg&quot;,&quot;title&quot;:&quot;GARCIA FAURA&quot;},{&quot;src&quot;:&quot;https:\\\/\\\/www.garciafaura.com\\\/wp-content\\\/uploads\\\/2023\\\/04\\\/Habitatges-residencia-carrer-Mallorca-5.jpg&quot;,&quot;title&quot;:&quot;GARCIA FAURA&quot;},{&quot;src&quot;:&quot;https:\\\/\\\/www.garciafaura.com\\\/wp-content\\\/uploads\\\/2023\\\/04\\\/Habitatges-residencia-carrer-Mallorca-4.jpg&quot;,&quot;title&quot;:&quot;GARCIA FAURA&quot;},{&quot;src&quot;:&quot;https:\\\/\\\/www.garciafaura.com\\\/wp-content\\\/uploads\\\/2023\\\/04\\\/Habitatges-residencia-carrer-Mallorca-3.jpg&quot;,&quot;title&quot;:&quot;GARCIA FAURA&quot;},{&quot;src&quot;:&quot;https:\\\/\\\/www.garciafaura.com\\\/wp-content\\\/uploads\\\/2023\\\/04\\\/Habitatges-residencia-carrer-Mallorca-2.jpg&quot;,&quot;title&quot;:&quot;GARCIA FAURA&quot;},{&quot;src&quot;:&quot;https:\\\/\\\/www.garciafaura.com\\\/wp-content\\\/uploads\\\/2023\\\/04\\\/Habitatges-residencia-carrer-Mallorca-1.jpg&quot;,&quot;title&quot;:&quot;GARCIA FAURA&quot;}]\"><img loading=\"lazy\" decoding=\"async\" width=\"1200\" height=\"628\" src=\"https:\/\/www.garciafaura.com\/wp-content\/uploads\/2023\/04\/Habitatges-residencia-carrer-Mallorca-14.jpg\" class=\"portfolio-entry-img skip-lazy\" alt=\"GARCIA FAURA\" data-no-lazy=\"1\" srcset=\"https:\/\/www.garciafaura.com\/wp-content\/uploads\/2023\/04\/Habitatges-residencia-carrer-Mallorca-14.jpg 1200w, https:\/\/www.garciafaura.com\/wp-content\/uploads\/2023\/04\/Habitatges-residencia-carrer-Mallorca-14-300x157.jpg 300w, https:\/\/www.garciafaura.com\/wp-content\/uploads\/2023\/04\/Habitatges-residencia-carrer-Mallorca-14-1024x536.jpg 1024w, https:\/\/www.garciafaura.com\/wp-content\/uploads\/2023\/04\/Habitatges-residencia-carrer-Mallorca-14-768x402.jpg 768w, https:\/\/www.garciafaura.com\/wp-content\/uploads\/2023\/04\/Habitatges-residencia-carrer-Mallorca-14-600x314.jpg 600w\" sizes=\"auto, (max-width: 1200px) 100vw, 1200px\" \/><\/a><\/div><div class=\"portfolio-entry-details entry-details wpex-clr\"><h2 class=\"portfolio-entry-title entry-title\"><a href=\"https:\/\/www.garciafaura.com\/fr\/portfolio-item\/habitatges-i-residencia-mallorca-234\/\" title=\"Logement et r\u00e9sidence Mallorca 234\">Logement et r\u00e9sidence Mallorca 234<\/a><\/h2><div class=\"portfolio-entry-categories entry-categories wpex-clr\"><a href=\"https:\/\/www.garciafaura.com\/fr\/portfolio-category\/ensembles-residentiels\/\" class=\"term-77\">Ensembles r\u00e9sidentiels<\/a><\/div><\/div><\/div><\/div><div class=\"portfolio-entry vcex-grid-item entry-has-details span_1_of_3 col col-2 vcex-isotope-entry vcex-no-margin-entry post-31918 entry type-portfolio has-media cat-77 translation_priority-5\"><div class=\"portfolio-entry-inner entry-inner wpex-clr\"><div class=\"portfolio-entry-media entry-media wpex-clr\"><a href=\"https:\/\/www.garciafaura.com\/wp-content\/uploads\/2023\/04\/Promocio-Carrer-Gava-01.jpg\" title=\"Promotion rue Gava\u0300, \u00e0 Barcelone\" class=\"portfolio-entry-media-link wpex-lightbox-gallery\" data-gallery=\"[{&quot;src&quot;:&quot;https:\\\/\\\/www.garciafaura.com\\\/wp-content\\\/uploads\\\/2023\\\/04\\\/Promocio-Carrer-Gava-01.jpg&quot;},{&quot;src&quot;:&quot;https:\\\/\\\/www.garciafaura.com\\\/wp-content\\\/uploads\\\/2023\\\/04\\\/Promocio-Carrer-Gava-16.jpg&quot;},{&quot;src&quot;:&quot;https:\\\/\\\/www.garciafaura.com\\\/wp-content\\\/uploads\\\/2023\\\/04\\\/Promocio-Carrer-Gava-15.jpg&quot;},{&quot;src&quot;:&quot;https:\\\/\\\/www.garciafaura.com\\\/wp-content\\\/uploads\\\/2023\\\/04\\\/Promocio-Carrer-Gava-14.jpg&quot;},{&quot;src&quot;:&quot;https:\\\/\\\/www.garciafaura.com\\\/wp-content\\\/uploads\\\/2023\\\/04\\\/Promocio-Carrer-Gava-13.jpg&quot;},{&quot;src&quot;:&quot;https:\\\/\\\/www.garciafaura.com\\\/wp-content\\\/uploads\\\/2023\\\/04\\\/Promocio-Carrer-Gava-12.jpg&quot;},{&quot;src&quot;:&quot;https:\\\/\\\/www.garciafaura.com\\\/wp-content\\\/uploads\\\/2023\\\/04\\\/Promocio-Carrer-Gava-11.jpg&quot;},{&quot;src&quot;:&quot;https:\\\/\\\/www.garciafaura.com\\\/wp-content\\\/uploads\\\/2023\\\/04\\\/Promocio-Carrer-Gava-10.jpg&quot;},{&quot;src&quot;:&quot;https:\\\/\\\/www.garciafaura.com\\\/wp-content\\\/uploads\\\/2023\\\/04\\\/Promocio-Carrer-Gava-09.jpg&quot;},{&quot;src&quot;:&quot;https:\\\/\\\/www.garciafaura.com\\\/wp-content\\\/uploads\\\/2023\\\/04\\\/Promocio-Carrer-Gava-08.jpg&quot;},{&quot;src&quot;:&quot;https:\\\/\\\/www.garciafaura.com\\\/wp-content\\\/uploads\\\/2023\\\/04\\\/Promocio-Carrer-Gava-07.jpg&quot;},{&quot;src&quot;:&quot;https:\\\/\\\/www.garciafaura.com\\\/wp-content\\\/uploads\\\/2023\\\/04\\\/Promocio-Carrer-Gava-06.jpg&quot;},{&quot;src&quot;:&quot;https:\\\/\\\/www.garciafaura.com\\\/wp-content\\\/uploads\\\/2023\\\/04\\\/Promocio-Carrer-Gava-05.jpg&quot;},{&quot;src&quot;:&quot;https:\\\/\\\/www.garciafaura.com\\\/wp-content\\\/uploads\\\/2023\\\/04\\\/Promocio-Carrer-Gava-04.jpg&quot;},{&quot;src&quot;:&quot;https:\\\/\\\/www.garciafaura.com\\\/wp-content\\\/uploads\\\/2023\\\/04\\\/Promocio-Carrer-Gava-03.jpg&quot;},{&quot;src&quot;:&quot;https:\\\/\\\/www.garciafaura.com\\\/wp-content\\\/uploads\\\/2023\\\/04\\\/Promocio-Carrer-Gava-02.jpg&quot;}]\"><img loading=\"lazy\" decoding=\"async\" width=\"1200\" height=\"628\" src=\"https:\/\/www.garciafaura.com\/wp-content\/uploads\/2023\/04\/Promocio-Carrer-Gava-01.jpg\" class=\"portfolio-entry-img skip-lazy\" alt=\"\" data-no-lazy=\"1\" srcset=\"https:\/\/www.garciafaura.com\/wp-content\/uploads\/2023\/04\/Promocio-Carrer-Gava-01.jpg 1200w, https:\/\/www.garciafaura.com\/wp-content\/uploads\/2023\/04\/Promocio-Carrer-Gava-01-300x157.jpg 300w, https:\/\/www.garciafaura.com\/wp-content\/uploads\/2023\/04\/Promocio-Carrer-Gava-01-1024x536.jpg 1024w, https:\/\/www.garciafaura.com\/wp-content\/uploads\/2023\/04\/Promocio-Carrer-Gava-01-768x402.jpg 768w\" sizes=\"auto, (max-width: 1200px) 100vw, 1200px\" \/><\/a><\/div><div class=\"portfolio-entry-details entry-details wpex-clr\"><h2 class=\"portfolio-entry-title entry-title\"><a href=\"https:\/\/www.garciafaura.com\/fr\/portfolio-item\/promocio-carrer-gava-barcelona\/\" title=\"Promotion rue Gava\u0300, \u00e0 Barcelone\">Promotion rue Gava\u0300, \u00e0 Barcelone<\/a><\/h2><div class=\"portfolio-entry-categories entry-categories wpex-clr\"><a href=\"https:\/\/www.garciafaura.com\/fr\/portfolio-category\/ensembles-residentiels\/\" class=\"term-77\">Ensembles r\u00e9sidentiels<\/a><\/div><\/div><\/div><\/div><div class=\"portfolio-entry vcex-grid-item entry-has-details span_1_of_3 col col-3 vcex-isotope-entry vcex-no-margin-entry post-31424 entry type-portfolio has-media cat-77 translation_priority-5\"><div class=\"portfolio-entry-inner entry-inner wpex-clr\"><div class=\"portfolio-entry-media entry-media wpex-clr\"><a href=\"https:\/\/www.garciafaura.com\/wp-content\/uploads\/2023\/02\/Promocio-Sardenya-01.jpg\" title=\"R\u00e9sidentiel Sardenya\" class=\"portfolio-entry-media-link wpex-lightbox-gallery\" data-gallery=\"[{&quot;src&quot;:&quot;https:\\\/\\\/www.garciafaura.com\\\/wp-content\\\/uploads\\\/2023\\\/02\\\/Promocio-Sardenya-01.jpg&quot;},{&quot;src&quot;:&quot;https:\\\/\\\/www.garciafaura.com\\\/wp-content\\\/uploads\\\/2023\\\/02\\\/Promocio-Sardenya-19.jpg&quot;},{&quot;src&quot;:&quot;https:\\\/\\\/www.garciafaura.com\\\/wp-content\\\/uploads\\\/2023\\\/02\\\/Promocio-Sardenya-18.jpg&quot;},{&quot;src&quot;:&quot;https:\\\/\\\/www.garciafaura.com\\\/wp-content\\\/uploads\\\/2023\\\/02\\\/Promocio-Sardenya-17.jpg&quot;},{&quot;src&quot;:&quot;https:\\\/\\\/www.garciafaura.com\\\/wp-content\\\/uploads\\\/2023\\\/02\\\/Promocio-Sardenya-16.jpg&quot;},{&quot;src&quot;:&quot;https:\\\/\\\/www.garciafaura.com\\\/wp-content\\\/uploads\\\/2023\\\/02\\\/Promocio-Sardenya-15.jpg&quot;},{&quot;src&quot;:&quot;https:\\\/\\\/www.garciafaura.com\\\/wp-content\\\/uploads\\\/2023\\\/02\\\/Promocio-Sardenya-14.jpg&quot;},{&quot;src&quot;:&quot;https:\\\/\\\/www.garciafaura.com\\\/wp-content\\\/uploads\\\/2023\\\/02\\\/Promocio-Sardenya-13.jpg&quot;},{&quot;src&quot;:&quot;https:\\\/\\\/www.garciafaura.com\\\/wp-content\\\/uploads\\\/2023\\\/02\\\/Promocio-Sardenya-12.jpg&quot;},{&quot;src&quot;:&quot;https:\\\/\\\/www.garciafaura.com\\\/wp-content\\\/uploads\\\/2023\\\/02\\\/Promocio-Sardenya-11.jpg&quot;},{&quot;src&quot;:&quot;https:\\\/\\\/www.garciafaura.com\\\/wp-content\\\/uploads\\\/2023\\\/02\\\/Promocio-Sardenya-10.jpg&quot;},{&quot;src&quot;:&quot;https:\\\/\\\/www.garciafaura.com\\\/wp-content\\\/uploads\\\/2023\\\/02\\\/Promocio-Sardenya-09.jpg&quot;},{&quot;src&quot;:&quot;https:\\\/\\\/www.garciafaura.com\\\/wp-content\\\/uploads\\\/2023\\\/02\\\/Promocio-Sardenya-08.jpg&quot;},{&quot;src&quot;:&quot;https:\\\/\\\/www.garciafaura.com\\\/wp-content\\\/uploads\\\/2023\\\/02\\\/Promocio-Sardenya-07.jpg&quot;},{&quot;src&quot;:&quot;https:\\\/\\\/www.garciafaura.com\\\/wp-content\\\/uploads\\\/2023\\\/02\\\/Promocio-Sardenya-06.jpg&quot;},{&quot;src&quot;:&quot;https:\\\/\\\/www.garciafaura.com\\\/wp-content\\\/uploads\\\/2023\\\/02\\\/Promocio-Sardenya-05.jpg&quot;},{&quot;src&quot;:&quot;https:\\\/\\\/www.garciafaura.com\\\/wp-content\\\/uploads\\\/2023\\\/02\\\/Promocio-Sardenya-04.jpg&quot;},{&quot;src&quot;:&quot;https:\\\/\\\/www.garciafaura.com\\\/wp-content\\\/uploads\\\/2023\\\/02\\\/Promocio-Sardenya-03.jpg&quot;},{&quot;src&quot;:&quot;https:\\\/\\\/www.garciafaura.com\\\/wp-content\\\/uploads\\\/2023\\\/02\\\/Promocio-Sardenya-02.jpg&quot;}]\"><img loading=\"lazy\" decoding=\"async\" width=\"1200\" height=\"628\" src=\"https:\/\/www.garciafaura.com\/wp-content\/uploads\/2023\/02\/Promocio-Sardenya-01.jpg\" class=\"portfolio-entry-img skip-lazy\" alt=\"\" data-no-lazy=\"1\" srcset=\"https:\/\/www.garciafaura.com\/wp-content\/uploads\/2023\/02\/Promocio-Sardenya-01.jpg 1200w, https:\/\/www.garciafaura.com\/wp-content\/uploads\/2023\/02\/Promocio-Sardenya-01-300x157.jpg 300w, https:\/\/www.garciafaura.com\/wp-content\/uploads\/2023\/02\/Promocio-Sardenya-01-1024x536.jpg 1024w, https:\/\/www.garciafaura.com\/wp-content\/uploads\/2023\/02\/Promocio-Sardenya-01-768x402.jpg 768w\" sizes=\"auto, (max-width: 1200px) 100vw, 1200px\" \/><\/a><\/div><div class=\"portfolio-entry-details entry-details wpex-clr\"><h2 class=\"portfolio-entry-title entry-title\"><a href=\"https:\/\/www.garciafaura.com\/fr\/portfolio-item\/residencial-sardenya\/\" title=\"R\u00e9sidentiel Sardenya\">R\u00e9sidentiel Sardenya<\/a><\/h2><div class=\"portfolio-entry-categories entry-categories wpex-clr\"><a href=\"https:\/\/www.garciafaura.com\/fr\/portfolio-category\/ensembles-residentiels\/\" class=\"term-77\">Ensembles r\u00e9sidentiels<\/a><\/div><\/div><\/div><\/div><div class=\"portfolio-entry vcex-grid-item entry-has-details span_1_of_3 col col-1 vcex-isotope-entry vcex-no-margin-entry post-31391 entry type-portfolio has-media cat-77 translation_priority-5\"><div class=\"portfolio-entry-inner entry-inner wpex-clr\"><div class=\"portfolio-entry-media entry-media wpex-clr\"><a href=\"https:\/\/www.garciafaura.com\/wp-content\/uploads\/2023\/02\/La-Sinia-Martorell-28.jpg\" title=\"Promotion La S\u00ednia Martorell\" class=\"portfolio-entry-media-link wpex-lightbox-gallery\" data-gallery=\"[{&quot;src&quot;:&quot;https:\\\/\\\/www.garciafaura.com\\\/wp-content\\\/uploads\\\/2023\\\/02\\\/La-Sinia-Martorell-28.jpg&quot;},{&quot;src&quot;:&quot;https:\\\/\\\/www.garciafaura.com\\\/wp-content\\\/uploads\\\/2023\\\/02\\\/La-Sinia-Martorell-01.jpg&quot;},{&quot;src&quot;:&quot;https:\\\/\\\/www.garciafaura.com\\\/wp-content\\\/uploads\\\/2023\\\/02\\\/La-Sinia-Martorell-33.jpg&quot;},{&quot;src&quot;:&quot;https:\\\/\\\/www.garciafaura.com\\\/wp-content\\\/uploads\\\/2023\\\/02\\\/La-Sinia-Martorell-32.jpg&quot;},{&quot;src&quot;:&quot;https:\\\/\\\/www.garciafaura.com\\\/wp-content\\\/uploads\\\/2023\\\/02\\\/La-Sinia-Martorell-31.jpg&quot;},{&quot;src&quot;:&quot;https:\\\/\\\/www.garciafaura.com\\\/wp-content\\\/uploads\\\/2023\\\/02\\\/La-Sinia-Martorell-30.jpg&quot;},{&quot;src&quot;:&quot;https:\\\/\\\/www.garciafaura.com\\\/wp-content\\\/uploads\\\/2023\\\/02\\\/La-Sinia-Martorell-29.jpg&quot;},{&quot;src&quot;:&quot;https:\\\/\\\/www.garciafaura.com\\\/wp-content\\\/uploads\\\/2023\\\/02\\\/La-Sinia-Martorell-27.jpg&quot;},{&quot;src&quot;:&quot;https:\\\/\\\/www.garciafaura.com\\\/wp-content\\\/uploads\\\/2023\\\/02\\\/La-Sinia-Martorell-26.jpg&quot;},{&quot;src&quot;:&quot;https:\\\/\\\/www.garciafaura.com\\\/wp-content\\\/uploads\\\/2023\\\/02\\\/La-Sinia-Martorell-25.jpg&quot;},{&quot;src&quot;:&quot;https:\\\/\\\/www.garciafaura.com\\\/wp-content\\\/uploads\\\/2023\\\/02\\\/La-Sinia-Martorell-24.jpg&quot;},{&quot;src&quot;:&quot;https:\\\/\\\/www.garciafaura.com\\\/wp-content\\\/uploads\\\/2023\\\/02\\\/La-Sinia-Martorell-23.jpg&quot;},{&quot;src&quot;:&quot;https:\\\/\\\/www.garciafaura.com\\\/wp-content\\\/uploads\\\/2023\\\/02\\\/La-Sinia-Martorell-22.jpg&quot;},{&quot;src&quot;:&quot;https:\\\/\\\/www.garciafaura.com\\\/wp-content\\\/uploads\\\/2023\\\/02\\\/La-Sinia-Martorell-21.jpg&quot;},{&quot;src&quot;:&quot;https:\\\/\\\/www.garciafaura.com\\\/wp-content\\\/uploads\\\/2023\\\/02\\\/La-Sinia-Martorell-20.jpg&quot;},{&quot;src&quot;:&quot;https:\\\/\\\/www.garciafaura.com\\\/wp-content\\\/uploads\\\/2023\\\/02\\\/La-Sinia-Martorell-19.jpg&quot;},{&quot;src&quot;:&quot;https:\\\/\\\/www.garciafaura.com\\\/wp-content\\\/uploads\\\/2023\\\/02\\\/La-Sinia-Martorell-18.jpg&quot;},{&quot;src&quot;:&quot;https:\\\/\\\/www.garciafaura.com\\\/wp-content\\\/uploads\\\/2023\\\/02\\\/La-Sinia-Martorell-17.jpg&quot;},{&quot;src&quot;:&quot;https:\\\/\\\/www.garciafaura.com\\\/wp-content\\\/uploads\\\/2023\\\/02\\\/La-Sinia-Martorell-16.jpg&quot;},{&quot;src&quot;:&quot;https:\\\/\\\/www.garciafaura.com\\\/wp-content\\\/uploads\\\/2023\\\/02\\\/La-Sinia-Martorell-15.jpg&quot;},{&quot;src&quot;:&quot;https:\\\/\\\/www.garciafaura.com\\\/wp-content\\\/uploads\\\/2023\\\/02\\\/La-Sinia-Martorell-14.jpg&quot;},{&quot;src&quot;:&quot;https:\\\/\\\/www.garciafaura.com\\\/wp-content\\\/uploads\\\/2023\\\/02\\\/La-Sinia-Martorell-13.jpg&quot;},{&quot;src&quot;:&quot;https:\\\/\\\/www.garciafaura.com\\\/wp-content\\\/uploads\\\/2023\\\/02\\\/La-Sinia-Martorell-12.jpg&quot;},{&quot;src&quot;:&quot;https:\\\/\\\/www.garciafaura.com\\\/wp-content\\\/uploads\\\/2023\\\/02\\\/La-Sinia-Martorell-11.jpg&quot;},{&quot;src&quot;:&quot;https:\\\/\\\/www.garciafaura.com\\\/wp-content\\\/uploads\\\/2023\\\/02\\\/La-Sinia-Martorell-10.jpg&quot;},{&quot;src&quot;:&quot;https:\\\/\\\/www.garciafaura.com\\\/wp-content\\\/uploads\\\/2023\\\/02\\\/La-Sinia-Martorell-09.jpg&quot;},{&quot;src&quot;:&quot;https:\\\/\\\/www.garciafaura.com\\\/wp-content\\\/uploads\\\/2023\\\/02\\\/La-Sinia-Martorell-08.jpg&quot;},{&quot;src&quot;:&quot;https:\\\/\\\/www.garciafaura.com\\\/wp-content\\\/uploads\\\/2023\\\/02\\\/La-Sinia-Martorell-07.jpg&quot;},{&quot;src&quot;:&quot;https:\\\/\\\/www.garciafaura.com\\\/wp-content\\\/uploads\\\/2023\\\/02\\\/La-Sinia-Martorell-06.jpg&quot;},{&quot;src&quot;:&quot;https:\\\/\\\/www.garciafaura.com\\\/wp-content\\\/uploads\\\/2023\\\/02\\\/La-Sinia-Martorell-05.jpg&quot;},{&quot;src&quot;:&quot;https:\\\/\\\/www.garciafaura.com\\\/wp-content\\\/uploads\\\/2023\\\/02\\\/La-Sinia-Martorell-04.jpg&quot;},{&quot;src&quot;:&quot;https:\\\/\\\/www.garciafaura.com\\\/wp-content\\\/uploads\\\/2023\\\/02\\\/La-Sinia-Martorell-03.jpg&quot;},{&quot;src&quot;:&quot;https:\\\/\\\/www.garciafaura.com\\\/wp-content\\\/uploads\\\/2023\\\/02\\\/La-Sinia-Martorell-02.jpg&quot;}]\"><img loading=\"lazy\" decoding=\"async\" width=\"1200\" height=\"628\" src=\"https:\/\/www.garciafaura.com\/wp-content\/uploads\/2023\/02\/La-Sinia-Martorell-28.jpg\" class=\"portfolio-entry-img skip-lazy\" alt=\"\" data-no-lazy=\"1\" srcset=\"https:\/\/www.garciafaura.com\/wp-content\/uploads\/2023\/02\/La-Sinia-Martorell-28.jpg 1200w, https:\/\/www.garciafaura.com\/wp-content\/uploads\/2023\/02\/La-Sinia-Martorell-28-300x157.jpg 300w, https:\/\/www.garciafaura.com\/wp-content\/uploads\/2023\/02\/La-Sinia-Martorell-28-1024x536.jpg 1024w, https:\/\/www.garciafaura.com\/wp-content\/uploads\/2023\/02\/La-Sinia-Martorell-28-768x402.jpg 768w\" sizes=\"auto, (max-width: 1200px) 100vw, 1200px\" \/><\/a><\/div><div class=\"portfolio-entry-details entry-details wpex-clr\"><h2 class=\"portfolio-entry-title entry-title\"><a href=\"https:\/\/www.garciafaura.com\/fr\/portfolio-item\/promocio-la-sinia-martorell\/\" title=\"Promotion La S\u00ednia Martorell\">Promotion La S\u00ednia Martorell<\/a><\/h2><div class=\"portfolio-entry-categories entry-categories wpex-clr\"><a href=\"https:\/\/www.garciafaura.com\/fr\/portfolio-category\/ensembles-residentiels\/\" class=\"term-77\">Ensembles r\u00e9sidentiels<\/a><\/div><\/div><\/div><\/div><div class=\"portfolio-entry vcex-grid-item entry-has-details span_1_of_3 col col-2 vcex-isotope-entry vcex-no-margin-entry post-31326 entry type-portfolio has-media cat-77 cat-91 cat-72 cat-73 translation_priority-5\"><div class=\"portfolio-entry-inner entry-inner wpex-clr\"><div class=\"portfolio-entry-media entry-media wpex-clr\"><a href=\"https:\/\/www.garciafaura.com\/wp-content\/uploads\/2023\/02\/Residencial-Blue-Badalona-09.jpg\" title=\"R\u00e9sidentiel Blue Badalona\" class=\"portfolio-entry-media-link wpex-lightbox-gallery\" data-gallery=\"[{&quot;src&quot;:&quot;https:\\\/\\\/www.garciafaura.com\\\/wp-content\\\/uploads\\\/2023\\\/02\\\/Residencial-Blue-Badalona-09.jpg&quot;},{&quot;src&quot;:&quot;https:\\\/\\\/www.garciafaura.com\\\/wp-content\\\/uploads\\\/2023\\\/02\\\/Residencial-Blue-Badalona-01.jpg&quot;},{&quot;src&quot;:&quot;https:\\\/\\\/www.garciafaura.com\\\/wp-content\\\/uploads\\\/2023\\\/02\\\/Residencial-Blue-Badalona-38.jpg&quot;},{&quot;src&quot;:&quot;https:\\\/\\\/www.garciafaura.com\\\/wp-content\\\/uploads\\\/2023\\\/02\\\/Residencial-Blue-Badalona-37.jpg&quot;},{&quot;src&quot;:&quot;https:\\\/\\\/www.garciafaura.com\\\/wp-content\\\/uploads\\\/2023\\\/02\\\/Residencial-Blue-Badalona-36.jpg&quot;},{&quot;src&quot;:&quot;https:\\\/\\\/www.garciafaura.com\\\/wp-content\\\/uploads\\\/2023\\\/02\\\/Residencial-Blue-Badalona-35.jpg&quot;},{&quot;src&quot;:&quot;https:\\\/\\\/www.garciafaura.com\\\/wp-content\\\/uploads\\\/2023\\\/02\\\/Residencial-Blue-Badalona-34.jpg&quot;},{&quot;src&quot;:&quot;https:\\\/\\\/www.garciafaura.com\\\/wp-content\\\/uploads\\\/2023\\\/02\\\/Residencial-Blue-Badalona-33.jpg&quot;},{&quot;src&quot;:&quot;https:\\\/\\\/www.garciafaura.com\\\/wp-content\\\/uploads\\\/2023\\\/02\\\/Residencial-Blue-Badalona-32.jpg&quot;},{&quot;src&quot;:&quot;https:\\\/\\\/www.garciafaura.com\\\/wp-content\\\/uploads\\\/2023\\\/02\\\/Residencial-Blue-Badalona-31.jpg&quot;},{&quot;src&quot;:&quot;https:\\\/\\\/www.garciafaura.com\\\/wp-content\\\/uploads\\\/2023\\\/02\\\/Residencial-Blue-Badalona-30.jpg&quot;},{&quot;src&quot;:&quot;https:\\\/\\\/www.garciafaura.com\\\/wp-content\\\/uploads\\\/2023\\\/02\\\/Residencial-Blue-Badalona-29.jpg&quot;},{&quot;src&quot;:&quot;https:\\\/\\\/www.garciafaura.com\\\/wp-content\\\/uploads\\\/2023\\\/02\\\/Residencial-Blue-Badalona-28.jpg&quot;},{&quot;src&quot;:&quot;https:\\\/\\\/www.garciafaura.com\\\/wp-content\\\/uploads\\\/2023\\\/02\\\/Residencial-Blue-Badalona-27.jpg&quot;},{&quot;src&quot;:&quot;https:\\\/\\\/www.garciafaura.com\\\/wp-content\\\/uploads\\\/2023\\\/02\\\/Residencial-Blue-Badalona-26.jpg&quot;},{&quot;src&quot;:&quot;https:\\\/\\\/www.garciafaura.com\\\/wp-content\\\/uploads\\\/2023\\\/02\\\/Residencial-Blue-Badalona-25.jpg&quot;},{&quot;src&quot;:&quot;https:\\\/\\\/www.garciafaura.com\\\/wp-content\\\/uploads\\\/2023\\\/02\\\/Residencial-Blue-Badalona-24.jpg&quot;},{&quot;src&quot;:&quot;https:\\\/\\\/www.garciafaura.com\\\/wp-content\\\/uploads\\\/2023\\\/02\\\/Residencial-Blue-Badalona-23.jpg&quot;},{&quot;src&quot;:&quot;https:\\\/\\\/www.garciafaura.com\\\/wp-content\\\/uploads\\\/2023\\\/02\\\/Residencial-Blue-Badalona-22.jpg&quot;},{&quot;src&quot;:&quot;https:\\\/\\\/www.garciafaura.com\\\/wp-content\\\/uploads\\\/2023\\\/02\\\/Residencial-Blue-Badalona-21.jpg&quot;},{&quot;src&quot;:&quot;https:\\\/\\\/www.garciafaura.com\\\/wp-content\\\/uploads\\\/2023\\\/02\\\/Residencial-Blue-Badalona-20.jpg&quot;},{&quot;src&quot;:&quot;https:\\\/\\\/www.garciafaura.com\\\/wp-content\\\/uploads\\\/2023\\\/02\\\/Residencial-Blue-Badalona-19.jpg&quot;},{&quot;src&quot;:&quot;https:\\\/\\\/www.garciafaura.com\\\/wp-content\\\/uploads\\\/2023\\\/02\\\/Residencial-Blue-Badalona-18.jpg&quot;},{&quot;src&quot;:&quot;https:\\\/\\\/www.garciafaura.com\\\/wp-content\\\/uploads\\\/2023\\\/02\\\/Residencial-Blue-Badalona-17.jpg&quot;},{&quot;src&quot;:&quot;https:\\\/\\\/www.garciafaura.com\\\/wp-content\\\/uploads\\\/2023\\\/02\\\/Residencial-Blue-Badalona-16.jpg&quot;},{&quot;src&quot;:&quot;https:\\\/\\\/www.garciafaura.com\\\/wp-content\\\/uploads\\\/2023\\\/02\\\/Residencial-Blue-Badalona-15.jpg&quot;},{&quot;src&quot;:&quot;https:\\\/\\\/www.garciafaura.com\\\/wp-content\\\/uploads\\\/2023\\\/02\\\/Residencial-Blue-Badalona-14.jpg&quot;},{&quot;src&quot;:&quot;https:\\\/\\\/www.garciafaura.com\\\/wp-content\\\/uploads\\\/2023\\\/02\\\/Residencial-Blue-Badalona-13.jpg&quot;},{&quot;src&quot;:&quot;https:\\\/\\\/www.garciafaura.com\\\/wp-content\\\/uploads\\\/2023\\\/02\\\/Residencial-Blue-Badalona-12.jpg&quot;},{&quot;src&quot;:&quot;https:\\\/\\\/www.garciafaura.com\\\/wp-content\\\/uploads\\\/2023\\\/02\\\/Residencial-Blue-Badalona-11.jpg&quot;},{&quot;src&quot;:&quot;https:\\\/\\\/www.garciafaura.com\\\/wp-content\\\/uploads\\\/2023\\\/02\\\/Residencial-Blue-Badalona-10.jpg&quot;},{&quot;src&quot;:&quot;https:\\\/\\\/www.garciafaura.com\\\/wp-content\\\/uploads\\\/2023\\\/02\\\/Residencial-Blue-Badalona-08.jpg&quot;},{&quot;src&quot;:&quot;https:\\\/\\\/www.garciafaura.com\\\/wp-content\\\/uploads\\\/2023\\\/02\\\/Residencial-Blue-Badalona-06.jpg&quot;},{&quot;src&quot;:&quot;https:\\\/\\\/www.garciafaura.com\\\/wp-content\\\/uploads\\\/2023\\\/02\\\/Residencial-Blue-Badalona-07.jpg&quot;},{&quot;src&quot;:&quot;https:\\\/\\\/www.garciafaura.com\\\/wp-content\\\/uploads\\\/2023\\\/02\\\/Residencial-Blue-Badalona-05.jpg&quot;},{&quot;src&quot;:&quot;https:\\\/\\\/www.garciafaura.com\\\/wp-content\\\/uploads\\\/2023\\\/02\\\/Residencial-Blue-Badalona-04.jpg&quot;},{&quot;src&quot;:&quot;https:\\\/\\\/www.garciafaura.com\\\/wp-content\\\/uploads\\\/2023\\\/02\\\/Residencial-Blue-Badalona-03.jpg&quot;},{&quot;src&quot;:&quot;https:\\\/\\\/www.garciafaura.com\\\/wp-content\\\/uploads\\\/2023\\\/02\\\/Residencial-Blue-Badalona-02.jpg&quot;}]\"><img loading=\"lazy\" decoding=\"async\" width=\"1200\" height=\"628\" src=\"https:\/\/www.garciafaura.com\/wp-content\/uploads\/2023\/02\/Residencial-Blue-Badalona-09.jpg\" class=\"portfolio-entry-img skip-lazy\" alt=\"\" data-no-lazy=\"1\" srcset=\"https:\/\/www.garciafaura.com\/wp-content\/uploads\/2023\/02\/Residencial-Blue-Badalona-09.jpg 1200w, https:\/\/www.garciafaura.com\/wp-content\/uploads\/2023\/02\/Residencial-Blue-Badalona-09-300x157.jpg 300w, https:\/\/www.garciafaura.com\/wp-content\/uploads\/2023\/02\/Residencial-Blue-Badalona-09-1024x536.jpg 1024w, https:\/\/www.garciafaura.com\/wp-content\/uploads\/2023\/02\/Residencial-Blue-Badalona-09-768x402.jpg 768w\" sizes=\"auto, (max-width: 1200px) 100vw, 1200px\" \/><\/a><\/div><div class=\"portfolio-entry-details entry-details wpex-clr\"><h2 class=\"portfolio-entry-title entry-title\"><a href=\"https:\/\/www.garciafaura.com\/fr\/portfolio-item\/residencial-blue-badalona\/\" title=\"R\u00e9sidentiel Blue Badalona\">R\u00e9sidentiel Blue Badalona<\/a><\/h2><div class=\"portfolio-entry-categories entry-categories wpex-clr\"><a href=\"https:\/\/www.garciafaura.com\/fr\/portfolio-category\/ensembles-residentiels\/\" class=\"term-77\">Ensembles r\u00e9sidentiels<\/a><\/div><\/div><\/div><\/div><div class=\"portfolio-entry vcex-grid-item entry-has-details span_1_of_3 col col-3 vcex-isotope-entry vcex-no-margin-entry post-31296 entry type-portfolio has-media cat-77 translation_priority-5\"><div class=\"portfolio-entry-inner entry-inner wpex-clr\"><div class=\"portfolio-entry-media entry-media wpex-clr\"><a href=\"https:\/\/www.garciafaura.com\/wp-content\/uploads\/2023\/02\/Marina-Prat-Vermell-1.jpg\" title=\"B\u00e2timents Berlin et Lisbonne (Barcelone)\" class=\"portfolio-entry-media-link wpex-lightbox-gallery\" data-gallery=\"[{&quot;src&quot;:&quot;https:\\\/\\\/www.garciafaura.com\\\/wp-content\\\/uploads\\\/2023\\\/02\\\/Marina-Prat-Vermell-1.jpg&quot;},{&quot;src&quot;:&quot;https:\\\/\\\/www.garciafaura.com\\\/wp-content\\\/uploads\\\/2023\\\/02\\\/Marina-Prat-Vermell-29.jpg&quot;},{&quot;src&quot;:&quot;https:\\\/\\\/www.garciafaura.com\\\/wp-content\\\/uploads\\\/2023\\\/02\\\/Marina-Prat-Vermell-28.jpg&quot;},{&quot;src&quot;:&quot;https:\\\/\\\/www.garciafaura.com\\\/wp-content\\\/uploads\\\/2023\\\/02\\\/Marina-Prat-Vermell-27.jpg&quot;},{&quot;src&quot;:&quot;https:\\\/\\\/www.garciafaura.com\\\/wp-content\\\/uploads\\\/2023\\\/02\\\/Marina-Prat-Vermell-26.jpg&quot;},{&quot;src&quot;:&quot;https:\\\/\\\/www.garciafaura.com\\\/wp-content\\\/uploads\\\/2023\\\/02\\\/Marina-Prat-Vermell-25.jpg&quot;},{&quot;src&quot;:&quot;https:\\\/\\\/www.garciafaura.com\\\/wp-content\\\/uploads\\\/2023\\\/02\\\/Marina-Prat-Vermell-24.jpg&quot;},{&quot;src&quot;:&quot;https:\\\/\\\/www.garciafaura.com\\\/wp-content\\\/uploads\\\/2023\\\/02\\\/Marina-Prat-Vermell-23.jpg&quot;},{&quot;src&quot;:&quot;https:\\\/\\\/www.garciafaura.com\\\/wp-content\\\/uploads\\\/2023\\\/02\\\/Marina-Prat-Vermell-22.jpg&quot;},{&quot;src&quot;:&quot;https:\\\/\\\/www.garciafaura.com\\\/wp-content\\\/uploads\\\/2023\\\/02\\\/Marina-Prat-Vermell-21.jpg&quot;},{&quot;src&quot;:&quot;https:\\\/\\\/www.garciafaura.com\\\/wp-content\\\/uploads\\\/2023\\\/02\\\/Marina-Prat-Vermell-20.jpg&quot;},{&quot;src&quot;:&quot;https:\\\/\\\/www.garciafaura.com\\\/wp-content\\\/uploads\\\/2023\\\/02\\\/Marina-Prat-Vermell-19.jpg&quot;},{&quot;src&quot;:&quot;https:\\\/\\\/www.garciafaura.com\\\/wp-content\\\/uploads\\\/2023\\\/02\\\/Marina-Prat-Vermell-18.jpg&quot;},{&quot;src&quot;:&quot;https:\\\/\\\/www.garciafaura.com\\\/wp-content\\\/uploads\\\/2023\\\/02\\\/Marina-Prat-Vermell-17.jpg&quot;},{&quot;src&quot;:&quot;https:\\\/\\\/www.garciafaura.com\\\/wp-content\\\/uploads\\\/2023\\\/02\\\/Marina-Prat-Vermell-16.jpg&quot;},{&quot;src&quot;:&quot;https:\\\/\\\/www.garciafaura.com\\\/wp-content\\\/uploads\\\/2023\\\/02\\\/Marina-Prat-Vermell-15.jpg&quot;},{&quot;src&quot;:&quot;https:\\\/\\\/www.garciafaura.com\\\/wp-content\\\/uploads\\\/2023\\\/02\\\/Marina-Prat-Vermell-14.jpg&quot;},{&quot;src&quot;:&quot;https:\\\/\\\/www.garciafaura.com\\\/wp-content\\\/uploads\\\/2023\\\/02\\\/Marina-Prat-Vermell-13.jpg&quot;},{&quot;src&quot;:&quot;https:\\\/\\\/www.garciafaura.com\\\/wp-content\\\/uploads\\\/2023\\\/02\\\/Marina-Prat-Vermell-12.jpg&quot;},{&quot;src&quot;:&quot;https:\\\/\\\/www.garciafaura.com\\\/wp-content\\\/uploads\\\/2023\\\/02\\\/Marina-Prat-Vermell-11.jpg&quot;},{&quot;src&quot;:&quot;https:\\\/\\\/www.garciafaura.com\\\/wp-content\\\/uploads\\\/2023\\\/02\\\/Marina-Prat-Vermell-10.jpg&quot;},{&quot;src&quot;:&quot;https:\\\/\\\/www.garciafaura.com\\\/wp-content\\\/uploads\\\/2023\\\/02\\\/Marina-Prat-Vermell-9.jpg&quot;},{&quot;src&quot;:&quot;https:\\\/\\\/www.garciafaura.com\\\/wp-content\\\/uploads\\\/2023\\\/02\\\/Marina-Prat-Vermell-8.jpg&quot;},{&quot;src&quot;:&quot;https:\\\/\\\/www.garciafaura.com\\\/wp-content\\\/uploads\\\/2023\\\/02\\\/Marina-Prat-Vermell-7.jpg&quot;},{&quot;src&quot;:&quot;https:\\\/\\\/www.garciafaura.com\\\/wp-content\\\/uploads\\\/2023\\\/02\\\/Marina-Prat-Vermell-6.jpg&quot;},{&quot;src&quot;:&quot;https:\\\/\\\/www.garciafaura.com\\\/wp-content\\\/uploads\\\/2023\\\/02\\\/Marina-Prat-Vermell-5.jpg&quot;},{&quot;src&quot;:&quot;https:\\\/\\\/www.garciafaura.com\\\/wp-content\\\/uploads\\\/2023\\\/02\\\/Marina-Prat-Vermell-4.jpg&quot;},{&quot;src&quot;:&quot;https:\\\/\\\/www.garciafaura.com\\\/wp-content\\\/uploads\\\/2023\\\/02\\\/Marina-Prat-Vermell-3.jpg&quot;},{&quot;src&quot;:&quot;https:\\\/\\\/www.garciafaura.com\\\/wp-content\\\/uploads\\\/2023\\\/02\\\/Marina-Prat-Vermell-2.jpg&quot;}]\"><img loading=\"lazy\" decoding=\"async\" width=\"1200\" height=\"628\" src=\"https:\/\/www.garciafaura.com\/wp-content\/uploads\/2023\/02\/Marina-Prat-Vermell-1.jpg\" class=\"portfolio-entry-img skip-lazy\" alt=\"\" data-no-lazy=\"1\" srcset=\"https:\/\/www.garciafaura.com\/wp-content\/uploads\/2023\/02\/Marina-Prat-Vermell-1.jpg 1200w, https:\/\/www.garciafaura.com\/wp-content\/uploads\/2023\/02\/Marina-Prat-Vermell-1-300x157.jpg 300w, https:\/\/www.garciafaura.com\/wp-content\/uploads\/2023\/02\/Marina-Prat-Vermell-1-1024x536.jpg 1024w, https:\/\/www.garciafaura.com\/wp-content\/uploads\/2023\/02\/Marina-Prat-Vermell-1-768x402.jpg 768w\" sizes=\"auto, (max-width: 1200px) 100vw, 1200px\" \/><\/a><\/div><div class=\"portfolio-entry-details entry-details wpex-clr\"><h2 class=\"portfolio-entry-title entry-title\"><a href=\"https:\/\/www.garciafaura.com\/fr\/portfolio-item\/marina-del-prat-vermell-illa-a\/\" title=\"B\u00e2timents Berlin et Lisbonne (Barcelone)\">B\u00e2timents Berlin et Lisbonne (Barcelone)<\/a><\/h2><div class=\"portfolio-entry-categories entry-categories wpex-clr\"><a href=\"https:\/\/www.garciafaura.com\/fr\/portfolio-category\/ensembles-residentiels\/\" class=\"term-77\">Ensembles r\u00e9sidentiels<\/a><\/div><\/div><\/div><\/div><div class=\"portfolio-entry vcex-grid-item entry-has-details span_1_of_3 col col-1 vcex-isotope-entry vcex-no-margin-entry post-30969 entry type-portfolio has-media cat-77 translation_priority-5\"><div class=\"portfolio-entry-inner entry-inner wpex-clr\"><div class=\"portfolio-entry-media entry-media wpex-clr\"><a href=\"https:\/\/www.garciafaura.com\/wp-content\/uploads\/2022\/11\/Mirador-Maresme-4.jpg\" title=\"Promotion Mirador del Maresme\" class=\"portfolio-entry-media-link wpex-lightbox-gallery\" data-gallery=\"[{&quot;src&quot;:&quot;https:\\\/\\\/www.garciafaura.com\\\/wp-content\\\/uploads\\\/2022\\\/11\\\/Mirador-Maresme-1.jpg&quot;,&quot;title&quot;:&quot;Mirador Maresme Garcia Faura&quot;},{&quot;src&quot;:&quot;https:\\\/\\\/www.garciafaura.com\\\/wp-content\\\/uploads\\\/2022\\\/11\\\/Mirador-Maresme-30.jpg&quot;,&quot;title&quot;:&quot;Mirador Maresme Garcia Faura&quot;},{&quot;src&quot;:&quot;https:\\\/\\\/www.garciafaura.com\\\/wp-content\\\/uploads\\\/2022\\\/11\\\/Mirador-Maresme-29.jpg&quot;,&quot;title&quot;:&quot;Mirador Maresme Garcia Faura&quot;},{&quot;src&quot;:&quot;https:\\\/\\\/www.garciafaura.com\\\/wp-content\\\/uploads\\\/2022\\\/11\\\/Mirador-Maresme-28.jpg&quot;,&quot;title&quot;:&quot;Mirador Maresme Garcia Faura&quot;},{&quot;src&quot;:&quot;https:\\\/\\\/www.garciafaura.com\\\/wp-content\\\/uploads\\\/2022\\\/11\\\/Mirador-Maresme-27.jpg&quot;,&quot;title&quot;:&quot;Mirador Maresme Garcia Faura&quot;},{&quot;src&quot;:&quot;https:\\\/\\\/www.garciafaura.com\\\/wp-content\\\/uploads\\\/2022\\\/11\\\/Mirador-Maresme-26.jpg&quot;,&quot;title&quot;:&quot;Mirador Maresme Garcia Faura&quot;},{&quot;src&quot;:&quot;https:\\\/\\\/www.garciafaura.com\\\/wp-content\\\/uploads\\\/2022\\\/11\\\/Mirador-Maresme-25.jpg&quot;,&quot;title&quot;:&quot;Mirador Maresme Garcia Faura&quot;},{&quot;src&quot;:&quot;https:\\\/\\\/www.garciafaura.com\\\/wp-content\\\/uploads\\\/2022\\\/11\\\/Mirador-Maresme-24.jpg&quot;,&quot;title&quot;:&quot;Mirador Maresme Garcia Faura&quot;},{&quot;src&quot;:&quot;https:\\\/\\\/www.garciafaura.com\\\/wp-content\\\/uploads\\\/2022\\\/11\\\/Mirador-Maresme-23.jpg&quot;,&quot;title&quot;:&quot;Mirador Maresme Garcia Faura&quot;},{&quot;src&quot;:&quot;https:\\\/\\\/www.garciafaura.com\\\/wp-content\\\/uploads\\\/2022\\\/11\\\/Mirador-Maresme-22.jpg&quot;,&quot;title&quot;:&quot;Mirador Maresme Garcia Faura&quot;},{&quot;src&quot;:&quot;https:\\\/\\\/www.garciafaura.com\\\/wp-content\\\/uploads\\\/2022\\\/11\\\/Mirador-Maresme-21.jpg&quot;,&quot;title&quot;:&quot;Mirador Maresme Garcia Faura&quot;},{&quot;src&quot;:&quot;https:\\\/\\\/www.garciafaura.com\\\/wp-content\\\/uploads\\\/2022\\\/11\\\/Mirador-Maresme-20.jpg&quot;,&quot;title&quot;:&quot;Mirador Maresme Garcia Faura&quot;},{&quot;src&quot;:&quot;https:\\\/\\\/www.garciafaura.com\\\/wp-content\\\/uploads\\\/2022\\\/11\\\/Mirador-Maresme-19.jpg&quot;,&quot;title&quot;:&quot;Mirador Maresme Garcia Faura&quot;},{&quot;src&quot;:&quot;https:\\\/\\\/www.garciafaura.com\\\/wp-content\\\/uploads\\\/2022\\\/11\\\/Mirador-Maresme-18.jpg&quot;,&quot;title&quot;:&quot;Mirador Maresme Garcia Faura&quot;},{&quot;src&quot;:&quot;https:\\\/\\\/www.garciafaura.com\\\/wp-content\\\/uploads\\\/2022\\\/11\\\/Mirador-Maresme-17.jpg&quot;,&quot;title&quot;:&quot;Mirador Maresme Garcia Faura&quot;},{&quot;src&quot;:&quot;https:\\\/\\\/www.garciafaura.com\\\/wp-content\\\/uploads\\\/2022\\\/11\\\/Mirador-Maresme-16.jpg&quot;,&quot;title&quot;:&quot;Mirador Maresme Garcia Faura&quot;},{&quot;src&quot;:&quot;https:\\\/\\\/www.garciafaura.com\\\/wp-content\\\/uploads\\\/2022\\\/11\\\/Mirador-Maresme-15.jpg&quot;,&quot;title&quot;:&quot;Mirador Maresme Garcia Faura&quot;},{&quot;src&quot;:&quot;https:\\\/\\\/www.garciafaura.com\\\/wp-content\\\/uploads\\\/2022\\\/11\\\/Mirador-Maresme-14.jpg&quot;,&quot;title&quot;:&quot;Mirador Maresme Garcia Faura&quot;},{&quot;src&quot;:&quot;https:\\\/\\\/www.garciafaura.com\\\/wp-content\\\/uploads\\\/2022\\\/11\\\/Mirador-Maresme-13.jpg&quot;,&quot;title&quot;:&quot;Mirador Maresme Garcia Faura&quot;},{&quot;src&quot;:&quot;https:\\\/\\\/www.garciafaura.com\\\/wp-content\\\/uploads\\\/2022\\\/11\\\/Mirador-Maresme-12.jpg&quot;,&quot;title&quot;:&quot;Mirador Maresme Garcia Faura&quot;},{&quot;src&quot;:&quot;https:\\\/\\\/www.garciafaura.com\\\/wp-content\\\/uploads\\\/2022\\\/11\\\/Mirador-Maresme-11.jpg&quot;,&quot;title&quot;:&quot;Mirador Maresme Garcia Faura&quot;},{&quot;src&quot;:&quot;https:\\\/\\\/www.garciafaura.com\\\/wp-content\\\/uploads\\\/2022\\\/11\\\/Mirador-Maresme-10.jpg&quot;,&quot;title&quot;:&quot;Mirador Maresme Garcia Faura&quot;},{&quot;src&quot;:&quot;https:\\\/\\\/www.garciafaura.com\\\/wp-content\\\/uploads\\\/2022\\\/11\\\/Mirador-Maresme-9.jpg&quot;,&quot;title&quot;:&quot;Mirador Maresme Garcia Faura&quot;},{&quot;src&quot;:&quot;https:\\\/\\\/www.garciafaura.com\\\/wp-content\\\/uploads\\\/2022\\\/11\\\/Mirador-Maresme-8.jpg&quot;,&quot;title&quot;:&quot;Mirador Maresme Garcia Faura&quot;},{&quot;src&quot;:&quot;https:\\\/\\\/www.garciafaura.com\\\/wp-content\\\/uploads\\\/2022\\\/11\\\/Mirador-Maresme-7.jpg&quot;,&quot;title&quot;:&quot;Mirador Maresme Garcia Faura&quot;},{&quot;src&quot;:&quot;https:\\\/\\\/www.garciafaura.com\\\/wp-content\\\/uploads\\\/2022\\\/11\\\/Mirador-Maresme-6.jpg&quot;,&quot;title&quot;:&quot;Mirador Maresme Garcia Faura&quot;},{&quot;src&quot;:&quot;https:\\\/\\\/www.garciafaura.com\\\/wp-content\\\/uploads\\\/2022\\\/11\\\/Mirador-Maresme-5.jpg&quot;,&quot;title&quot;:&quot;Mirador Maresme Garcia Faura&quot;},{&quot;src&quot;:&quot;https:\\\/\\\/www.garciafaura.com\\\/wp-content\\\/uploads\\\/2022\\\/11\\\/Mirador-Maresme-4.jpg&quot;,&quot;title&quot;:&quot;Mirador Maresme Garcia Faura&quot;},{&quot;src&quot;:&quot;https:\\\/\\\/www.garciafaura.com\\\/wp-content\\\/uploads\\\/2022\\\/11\\\/Mirador-Maresme-3.jpg&quot;,&quot;title&quot;:&quot;Mirador Maresme Garcia Faura&quot;},{&quot;src&quot;:&quot;https:\\\/\\\/www.garciafaura.com\\\/wp-content\\\/uploads\\\/2022\\\/11\\\/Mirador-Maresme-2.jpg&quot;,&quot;title&quot;:&quot;Mirador Maresme Garcia Faura&quot;}]\"><img loading=\"lazy\" decoding=\"async\" width=\"1200\" height=\"628\" src=\"https:\/\/www.garciafaura.com\/wp-content\/uploads\/2022\/11\/Mirador-Maresme-4.jpg\" class=\"portfolio-entry-img skip-lazy\" alt=\"Mirador Maresme Garcia Faura\" data-no-lazy=\"1\" srcset=\"https:\/\/www.garciafaura.com\/wp-content\/uploads\/2022\/11\/Mirador-Maresme-4.jpg 1200w, https:\/\/www.garciafaura.com\/wp-content\/uploads\/2022\/11\/Mirador-Maresme-4-300x157.jpg 300w, https:\/\/www.garciafaura.com\/wp-content\/uploads\/2022\/11\/Mirador-Maresme-4-1024x536.jpg 1024w, https:\/\/www.garciafaura.com\/wp-content\/uploads\/2022\/11\/Mirador-Maresme-4-768x402.jpg 768w\" sizes=\"auto, (max-width: 1200px) 100vw, 1200px\" \/><\/a><\/div><div class=\"portfolio-entry-details entry-details wpex-clr\"><h2 class=\"portfolio-entry-title entry-title\"><a href=\"https:\/\/www.garciafaura.com\/fr\/portfolio-item\/promocio-mirador-del-maresme-2\/\" title=\"Promotion Mirador del Maresme\">Promotion Mirador del Maresme<\/a><\/h2><div class=\"portfolio-entry-categories entry-categories wpex-clr\"><a href=\"https:\/\/www.garciafaura.com\/fr\/portfolio-category\/ensembles-residentiels\/\" class=\"term-77\">Ensembles r\u00e9sidentiels<\/a><\/div><\/div><\/div><\/div><div class=\"portfolio-entry vcex-grid-item entry-has-details span_1_of_3 col col-2 vcex-isotope-entry vcex-no-margin-entry post-30366 entry type-portfolio has-media cat-77 translation_priority-5\"><div class=\"portfolio-entry-inner entry-inner wpex-clr\"><div class=\"portfolio-entry-media entry-media wpex-clr\"><a href=\"https:\/\/www.garciafaura.com\/wp-content\/uploads\/2022\/09\/Verge-Montserrat-04.jpg\" title=\"D\u00e9veloppement du logement \u00e0 Barcelone\" class=\"portfolio-entry-media-link wpex-lightbox-gallery\" data-gallery=\"[{&quot;src&quot;:&quot;https:\\\/\\\/www.garciafaura.com\\\/wp-content\\\/uploads\\\/2022\\\/09\\\/Verge-Montserrat-04.jpg&quot;},{&quot;src&quot;:&quot;https:\\\/\\\/www.garciafaura.com\\\/wp-content\\\/uploads\\\/2022\\\/09\\\/Verge-Montserrat-18.jpg&quot;},{&quot;src&quot;:&quot;https:\\\/\\\/www.garciafaura.com\\\/wp-content\\\/uploads\\\/2022\\\/09\\\/Verge-Montserrat-17.jpg&quot;},{&quot;src&quot;:&quot;https:\\\/\\\/www.garciafaura.com\\\/wp-content\\\/uploads\\\/2022\\\/09\\\/Verge-Montserrat-16.jpg&quot;},{&quot;src&quot;:&quot;https:\\\/\\\/www.garciafaura.com\\\/wp-content\\\/uploads\\\/2022\\\/09\\\/Verge-Montserrat-15.jpg&quot;},{&quot;src&quot;:&quot;https:\\\/\\\/www.garciafaura.com\\\/wp-content\\\/uploads\\\/2022\\\/09\\\/Verge-Montserrat-14.jpg&quot;},{&quot;src&quot;:&quot;https:\\\/\\\/www.garciafaura.com\\\/wp-content\\\/uploads\\\/2022\\\/09\\\/Verge-Montserrat-13.jpg&quot;},{&quot;src&quot;:&quot;https:\\\/\\\/www.garciafaura.com\\\/wp-content\\\/uploads\\\/2022\\\/09\\\/Verge-Montserrat-12.jpg&quot;},{&quot;src&quot;:&quot;https:\\\/\\\/www.garciafaura.com\\\/wp-content\\\/uploads\\\/2022\\\/09\\\/Verge-Montserrat-11.jpg&quot;},{&quot;src&quot;:&quot;https:\\\/\\\/www.garciafaura.com\\\/wp-content\\\/uploads\\\/2022\\\/09\\\/Verge-Montserrat-10.jpg&quot;},{&quot;src&quot;:&quot;https:\\\/\\\/www.garciafaura.com\\\/wp-content\\\/uploads\\\/2022\\\/09\\\/Verge-Montserrat-09.jpg&quot;},{&quot;src&quot;:&quot;https:\\\/\\\/www.garciafaura.com\\\/wp-content\\\/uploads\\\/2022\\\/09\\\/Verge-Montserrat-08.jpg&quot;},{&quot;src&quot;:&quot;https:\\\/\\\/www.garciafaura.com\\\/wp-content\\\/uploads\\\/2022\\\/09\\\/Verge-Montserrat-07.jpg&quot;},{&quot;src&quot;:&quot;https:\\\/\\\/www.garciafaura.com\\\/wp-content\\\/uploads\\\/2022\\\/09\\\/Verge-Montserrat-06.jpg&quot;},{&quot;src&quot;:&quot;https:\\\/\\\/www.garciafaura.com\\\/wp-content\\\/uploads\\\/2022\\\/09\\\/Verge-Montserrat-05.jpg&quot;},{&quot;src&quot;:&quot;https:\\\/\\\/www.garciafaura.com\\\/wp-content\\\/uploads\\\/2022\\\/09\\\/Verge-Montserrat-03.jpg&quot;},{&quot;src&quot;:&quot;https:\\\/\\\/www.garciafaura.com\\\/wp-content\\\/uploads\\\/2022\\\/09\\\/Verge-Montserrat-02.jpg&quot;},{&quot;src&quot;:&quot;https:\\\/\\\/www.garciafaura.com\\\/wp-content\\\/uploads\\\/2022\\\/09\\\/Verge-Montserrat-01.jpg&quot;},{&quot;src&quot;:&quot;https:\\\/\\\/www.garciafaura.com\\\/wp-content\\\/uploads\\\/2022\\\/09\\\/Verge-Montserrat-31.jpg&quot;},{&quot;src&quot;:&quot;https:\\\/\\\/www.garciafaura.com\\\/wp-content\\\/uploads\\\/2022\\\/09\\\/Verge-Montserrat-30.jpg&quot;},{&quot;src&quot;:&quot;https:\\\/\\\/www.garciafaura.com\\\/wp-content\\\/uploads\\\/2022\\\/09\\\/Verge-Montserrat-29.jpg&quot;},{&quot;src&quot;:&quot;https:\\\/\\\/www.garciafaura.com\\\/wp-content\\\/uploads\\\/2022\\\/09\\\/Verge-Montserrat-28.jpg&quot;},{&quot;src&quot;:&quot;https:\\\/\\\/www.garciafaura.com\\\/wp-content\\\/uploads\\\/2022\\\/09\\\/Verge-Montserrat-27.jpg&quot;},{&quot;src&quot;:&quot;https:\\\/\\\/www.garciafaura.com\\\/wp-content\\\/uploads\\\/2022\\\/09\\\/Verge-Montserrat-26.jpg&quot;},{&quot;src&quot;:&quot;https:\\\/\\\/www.garciafaura.com\\\/wp-content\\\/uploads\\\/2022\\\/09\\\/Verge-Montserrat-25.jpg&quot;},{&quot;src&quot;:&quot;https:\\\/\\\/www.garciafaura.com\\\/wp-content\\\/uploads\\\/2022\\\/09\\\/Verge-Montserrat-24.jpg&quot;},{&quot;src&quot;:&quot;https:\\\/\\\/www.garciafaura.com\\\/wp-content\\\/uploads\\\/2022\\\/09\\\/Verge-Montserrat-23.jpg&quot;},{&quot;src&quot;:&quot;https:\\\/\\\/www.garciafaura.com\\\/wp-content\\\/uploads\\\/2022\\\/09\\\/Verge-Montserrat-22.jpg&quot;},{&quot;src&quot;:&quot;https:\\\/\\\/www.garciafaura.com\\\/wp-content\\\/uploads\\\/2022\\\/09\\\/Verge-Montserrat-21.jpg&quot;},{&quot;src&quot;:&quot;https:\\\/\\\/www.garciafaura.com\\\/wp-content\\\/uploads\\\/2022\\\/09\\\/Verge-Montserrat-20.jpg&quot;},{&quot;src&quot;:&quot;https:\\\/\\\/www.garciafaura.com\\\/wp-content\\\/uploads\\\/2022\\\/09\\\/Verge-Montserrat-19.jpg&quot;}]\"><img loading=\"lazy\" decoding=\"async\" width=\"1200\" height=\"628\" src=\"https:\/\/www.garciafaura.com\/wp-content\/uploads\/2022\/09\/Verge-Montserrat-04.jpg\" class=\"portfolio-entry-img skip-lazy\" alt=\"\" data-no-lazy=\"1\" srcset=\"https:\/\/www.garciafaura.com\/wp-content\/uploads\/2022\/09\/Verge-Montserrat-04.jpg 1200w, https:\/\/www.garciafaura.com\/wp-content\/uploads\/2022\/09\/Verge-Montserrat-04-300x157.jpg 300w, https:\/\/www.garciafaura.com\/wp-content\/uploads\/2022\/09\/Verge-Montserrat-04-1024x536.jpg 1024w, https:\/\/www.garciafaura.com\/wp-content\/uploads\/2022\/09\/Verge-Montserrat-04-768x402.jpg 768w\" sizes=\"auto, (max-width: 1200px) 100vw, 1200px\" \/><\/a><\/div><div class=\"portfolio-entry-details entry-details wpex-clr\"><h2 class=\"portfolio-entry-title entry-title\"><a href=\"https:\/\/www.garciafaura.com\/fr\/portfolio-item\/promocio-habitatges-av-montserrat\/\" title=\"D\u00e9veloppement du logement \u00e0 Barcelone\">D\u00e9veloppement du logement \u00e0 Barcelone<\/a><\/h2><div class=\"portfolio-entry-categories entry-categories wpex-clr\"><a href=\"https:\/\/www.garciafaura.com\/fr\/portfolio-category\/ensembles-residentiels\/\" class=\"term-77\">Ensembles r\u00e9sidentiels<\/a><\/div><\/div><\/div><\/div><div class=\"portfolio-entry vcex-grid-item entry-has-details span_1_of_3 col col-3 vcex-isotope-entry vcex-no-margin-entry post-30284 entry type-portfolio has-media cat-77 cat-101 translation_priority-5\"><div class=\"portfolio-entry-inner entry-inner wpex-clr\"><div class=\"portfolio-entry-media entry-media wpex-clr\"><a href=\"https:\/\/www.garciafaura.com\/wp-content\/uploads\/2022\/08\/Promocio-Navas-de-Tolosa-39.jpg\" title=\"Promotion Navas de Tolosa\" class=\"portfolio-entry-media-link wpex-lightbox-gallery\" data-gallery=\"[{&quot;src&quot;:&quot;https:\\\/\\\/www.garciafaura.com\\\/wp-content\\\/uploads\\\/2022\\\/08\\\/Promocio-Navas-de-Tolosa-39.jpg&quot;},{&quot;src&quot;:&quot;https:\\\/\\\/www.garciafaura.com\\\/wp-content\\\/uploads\\\/2022\\\/08\\\/Promocio-Navas-de-Tolosa-38.jpg&quot;},{&quot;src&quot;:&quot;https:\\\/\\\/www.garciafaura.com\\\/wp-content\\\/uploads\\\/2022\\\/08\\\/Promocio-Navas-de-Tolosa-37.jpg&quot;},{&quot;src&quot;:&quot;https:\\\/\\\/www.garciafaura.com\\\/wp-content\\\/uploads\\\/2022\\\/08\\\/Promocio-Navas-de-Tolosa-36.jpg&quot;},{&quot;src&quot;:&quot;https:\\\/\\\/www.garciafaura.com\\\/wp-content\\\/uploads\\\/2022\\\/08\\\/Promocio-Navas-de-Tolosa-35.jpg&quot;},{&quot;src&quot;:&quot;https:\\\/\\\/www.garciafaura.com\\\/wp-content\\\/uploads\\\/2022\\\/08\\\/Promocio-Navas-de-Tolosa-34.jpg&quot;},{&quot;src&quot;:&quot;https:\\\/\\\/www.garciafaura.com\\\/wp-content\\\/uploads\\\/2022\\\/08\\\/Promocio-Navas-de-Tolosa-33.jpg&quot;},{&quot;src&quot;:&quot;https:\\\/\\\/www.garciafaura.com\\\/wp-content\\\/uploads\\\/2022\\\/08\\\/Promocio-Navas-de-Tolosa-32.jpg&quot;},{&quot;src&quot;:&quot;https:\\\/\\\/www.garciafaura.com\\\/wp-content\\\/uploads\\\/2022\\\/08\\\/Promocio-Navas-de-Tolosa-31.jpg&quot;},{&quot;src&quot;:&quot;https:\\\/\\\/www.garciafaura.com\\\/wp-content\\\/uploads\\\/2022\\\/08\\\/Promocio-Navas-de-Tolosa-30.jpg&quot;},{&quot;src&quot;:&quot;https:\\\/\\\/www.garciafaura.com\\\/wp-content\\\/uploads\\\/2022\\\/08\\\/Promocio-Navas-de-Tolosa-29.jpg&quot;},{&quot;src&quot;:&quot;https:\\\/\\\/www.garciafaura.com\\\/wp-content\\\/uploads\\\/2022\\\/08\\\/Promocio-Navas-de-Tolosa-28.jpg&quot;},{&quot;src&quot;:&quot;https:\\\/\\\/www.garciafaura.com\\\/wp-content\\\/uploads\\\/2022\\\/08\\\/Promocio-Navas-de-Tolosa-27.jpg&quot;},{&quot;src&quot;:&quot;https:\\\/\\\/www.garciafaura.com\\\/wp-content\\\/uploads\\\/2022\\\/08\\\/Promocio-Navas-de-Tolosa-26.jpg&quot;},{&quot;src&quot;:&quot;https:\\\/\\\/www.garciafaura.com\\\/wp-content\\\/uploads\\\/2022\\\/08\\\/Promocio-Navas-de-Tolosa-25.jpg&quot;},{&quot;src&quot;:&quot;https:\\\/\\\/www.garciafaura.com\\\/wp-content\\\/uploads\\\/2022\\\/08\\\/Promocio-Navas-de-Tolosa-24.jpg&quot;},{&quot;src&quot;:&quot;https:\\\/\\\/www.garciafaura.com\\\/wp-content\\\/uploads\\\/2022\\\/08\\\/Promocio-Navas-de-Tolosa-23.jpg&quot;},{&quot;src&quot;:&quot;https:\\\/\\\/www.garciafaura.com\\\/wp-content\\\/uploads\\\/2022\\\/08\\\/Promocio-Navas-de-Tolosa-22.jpg&quot;},{&quot;src&quot;:&quot;https:\\\/\\\/www.garciafaura.com\\\/wp-content\\\/uploads\\\/2022\\\/08\\\/Promocio-Navas-de-Tolosa-21.jpg&quot;},{&quot;src&quot;:&quot;https:\\\/\\\/www.garciafaura.com\\\/wp-content\\\/uploads\\\/2022\\\/08\\\/Promocio-Navas-de-Tolosa-20.jpg&quot;},{&quot;src&quot;:&quot;https:\\\/\\\/www.garciafaura.com\\\/wp-content\\\/uploads\\\/2022\\\/08\\\/Promocio-Navas-de-Tolosa-19.jpg&quot;},{&quot;src&quot;:&quot;https:\\\/\\\/www.garciafaura.com\\\/wp-content\\\/uploads\\\/2022\\\/08\\\/Promocio-Navas-de-Tolosa-18.jpg&quot;},{&quot;src&quot;:&quot;https:\\\/\\\/www.garciafaura.com\\\/wp-content\\\/uploads\\\/2022\\\/08\\\/Promocio-Navas-de-Tolosa-17.jpg&quot;},{&quot;src&quot;:&quot;https:\\\/\\\/www.garciafaura.com\\\/wp-content\\\/uploads\\\/2022\\\/08\\\/Promocio-Navas-de-Tolosa-16.jpg&quot;},{&quot;src&quot;:&quot;https:\\\/\\\/www.garciafaura.com\\\/wp-content\\\/uploads\\\/2022\\\/08\\\/Promocio-Navas-de-Tolosa-15.jpg&quot;},{&quot;src&quot;:&quot;https:\\\/\\\/www.garciafaura.com\\\/wp-content\\\/uploads\\\/2022\\\/08\\\/Promocio-Navas-de-Tolosa-14.jpg&quot;},{&quot;src&quot;:&quot;https:\\\/\\\/www.garciafaura.com\\\/wp-content\\\/uploads\\\/2022\\\/08\\\/Promocio-Navas-de-Tolosa-13.jpg&quot;},{&quot;src&quot;:&quot;https:\\\/\\\/www.garciafaura.com\\\/wp-content\\\/uploads\\\/2022\\\/08\\\/Promocio-Navas-de-Tolosa-12.jpg&quot;},{&quot;src&quot;:&quot;https:\\\/\\\/www.garciafaura.com\\\/wp-content\\\/uploads\\\/2022\\\/08\\\/Promocio-Navas-de-Tolosa-11.jpg&quot;},{&quot;src&quot;:&quot;https:\\\/\\\/www.garciafaura.com\\\/wp-content\\\/uploads\\\/2022\\\/08\\\/Promocio-Navas-de-Tolosa-10.jpg&quot;},{&quot;src&quot;:&quot;https:\\\/\\\/www.garciafaura.com\\\/wp-content\\\/uploads\\\/2022\\\/08\\\/Promocio-Navas-de-Tolosa-09.jpg&quot;},{&quot;src&quot;:&quot;https:\\\/\\\/www.garciafaura.com\\\/wp-content\\\/uploads\\\/2022\\\/08\\\/Promocio-Navas-de-Tolosa-08.jpg&quot;},{&quot;src&quot;:&quot;https:\\\/\\\/www.garciafaura.com\\\/wp-content\\\/uploads\\\/2022\\\/08\\\/Promocio-Navas-de-Tolosa-07.jpg&quot;},{&quot;src&quot;:&quot;https:\\\/\\\/www.garciafaura.com\\\/wp-content\\\/uploads\\\/2022\\\/08\\\/Promocio-Navas-de-Tolosa-06.jpg&quot;},{&quot;src&quot;:&quot;https:\\\/\\\/www.garciafaura.com\\\/wp-content\\\/uploads\\\/2022\\\/08\\\/Promocio-Navas-de-Tolosa-05.jpg&quot;},{&quot;src&quot;:&quot;https:\\\/\\\/www.garciafaura.com\\\/wp-content\\\/uploads\\\/2022\\\/08\\\/Promocio-Navas-de-Tolosa-04.jpg&quot;},{&quot;src&quot;:&quot;https:\\\/\\\/www.garciafaura.com\\\/wp-content\\\/uploads\\\/2022\\\/08\\\/Promocio-Navas-de-Tolosa-03.jpg&quot;},{&quot;src&quot;:&quot;https:\\\/\\\/www.garciafaura.com\\\/wp-content\\\/uploads\\\/2022\\\/08\\\/Promocio-Navas-de-Tolosa-02.jpg&quot;},{&quot;src&quot;:&quot;https:\\\/\\\/www.garciafaura.com\\\/wp-content\\\/uploads\\\/2022\\\/08\\\/Promocio-Navas-de-Tolosa-01.jpg&quot;}]\"><img loading=\"lazy\" decoding=\"async\" width=\"1200\" height=\"628\" src=\"https:\/\/www.garciafaura.com\/wp-content\/uploads\/2022\/08\/Promocio-Navas-de-Tolosa-39.jpg\" class=\"portfolio-entry-img skip-lazy\" alt=\"\" data-no-lazy=\"1\" srcset=\"https:\/\/www.garciafaura.com\/wp-content\/uploads\/2022\/08\/Promocio-Navas-de-Tolosa-39.jpg 1200w, https:\/\/www.garciafaura.com\/wp-content\/uploads\/2022\/08\/Promocio-Navas-de-Tolosa-39-300x157.jpg 300w, https:\/\/www.garciafaura.com\/wp-content\/uploads\/2022\/08\/Promocio-Navas-de-Tolosa-39-1024x536.jpg 1024w, https:\/\/www.garciafaura.com\/wp-content\/uploads\/2022\/08\/Promocio-Navas-de-Tolosa-39-768x402.jpg 768w\" sizes=\"auto, (max-width: 1200px) 100vw, 1200px\" \/><\/a><\/div><div class=\"portfolio-entry-details entry-details wpex-clr\"><h2 class=\"portfolio-entry-title entry-title\"><a href=\"https:\/\/www.garciafaura.com\/fr\/portfolio-item\/promocio-navas-de-tolosa\/\" title=\"Promotion Navas de Tolosa\">Promotion Navas de Tolosa<\/a><\/h2><div class=\"portfolio-entry-categories entry-categories wpex-clr\"><a href=\"https:\/\/www.garciafaura.com\/fr\/portfolio-category\/ensembles-residentiels\/\" class=\"term-77\">Ensembles r\u00e9sidentiels<\/a><\/div><\/div><\/div><\/div><div class=\"portfolio-entry vcex-grid-item entry-has-details span_1_of_3 col col-1 vcex-isotope-entry vcex-no-margin-entry post-30177 entry type-portfolio has-media cat-77 translation_priority-5\"><div class=\"portfolio-entry-inner entry-inner wpex-clr\"><div class=\"portfolio-entry-media entry-media wpex-clr\"><a href=\"https:\/\/www.garciafaura.com\/wp-content\/uploads\/2022\/06\/Promocio\u0301-Armenteros-Sant-Feliu-01.jpg\" title=\"Promotion Armenteres Sant Feliu\" class=\"portfolio-entry-media-link wpex-lightbox-gallery\" data-gallery=\"[{&quot;src&quot;:&quot;https:\\\/\\\/www.garciafaura.com\\\/wp-content\\\/uploads\\\/2022\\\/06\\\/Promocio\\u0301-Armenteros-Sant-Feliu-01.jpg&quot;},{&quot;src&quot;:&quot;https:\\\/\\\/www.garciafaura.com\\\/wp-content\\\/uploads\\\/2022\\\/06\\\/Promocio\\u0301-Armenteros-Sant-Feliu-23.jpg&quot;},{&quot;src&quot;:&quot;https:\\\/\\\/www.garciafaura.com\\\/wp-content\\\/uploads\\\/2022\\\/06\\\/Promocio\\u0301-Armenteros-Sant-Feliu-22.jpg&quot;},{&quot;src&quot;:&quot;https:\\\/\\\/www.garciafaura.com\\\/wp-content\\\/uploads\\\/2022\\\/06\\\/Promocio\\u0301-Armenteros-Sant-Feliu-21.jpg&quot;},{&quot;src&quot;:&quot;https:\\\/\\\/www.garciafaura.com\\\/wp-content\\\/uploads\\\/2022\\\/06\\\/Promocio\\u0301-Armenteros-Sant-Feliu-20.jpg&quot;},{&quot;src&quot;:&quot;https:\\\/\\\/www.garciafaura.com\\\/wp-content\\\/uploads\\\/2022\\\/06\\\/Promocio\\u0301-Armenteros-Sant-Feliu-19.jpg&quot;},{&quot;src&quot;:&quot;https:\\\/\\\/www.garciafaura.com\\\/wp-content\\\/uploads\\\/2022\\\/06\\\/Promocio\\u0301-Armenteros-Sant-Feliu-18.jpg&quot;},{&quot;src&quot;:&quot;https:\\\/\\\/www.garciafaura.com\\\/wp-content\\\/uploads\\\/2022\\\/06\\\/Promocio\\u0301-Armenteros-Sant-Feliu-17.jpg&quot;},{&quot;src&quot;:&quot;https:\\\/\\\/www.garciafaura.com\\\/wp-content\\\/uploads\\\/2022\\\/06\\\/Promocio\\u0301-Armenteros-Sant-Feliu-16.jpg&quot;},{&quot;src&quot;:&quot;https:\\\/\\\/www.garciafaura.com\\\/wp-content\\\/uploads\\\/2022\\\/06\\\/Promocio\\u0301-Armenteros-Sant-Feliu-15.jpg&quot;},{&quot;src&quot;:&quot;https:\\\/\\\/www.garciafaura.com\\\/wp-content\\\/uploads\\\/2022\\\/06\\\/Promocio\\u0301-Armenteros-Sant-Feliu-14.jpg&quot;},{&quot;src&quot;:&quot;https:\\\/\\\/www.garciafaura.com\\\/wp-content\\\/uploads\\\/2022\\\/06\\\/Promocio\\u0301-Armenteros-Sant-Feliu-13.jpg&quot;},{&quot;src&quot;:&quot;https:\\\/\\\/www.garciafaura.com\\\/wp-content\\\/uploads\\\/2022\\\/06\\\/Promocio\\u0301-Armenteros-Sant-Feliu-12.jpg&quot;},{&quot;src&quot;:&quot;https:\\\/\\\/www.garciafaura.com\\\/wp-content\\\/uploads\\\/2022\\\/06\\\/Promocio\\u0301-Armenteros-Sant-Feliu-11.jpg&quot;},{&quot;src&quot;:&quot;https:\\\/\\\/www.garciafaura.com\\\/wp-content\\\/uploads\\\/2022\\\/06\\\/Promocio\\u0301-Armenteros-Sant-Feliu-10.jpg&quot;},{&quot;src&quot;:&quot;https:\\\/\\\/www.garciafaura.com\\\/wp-content\\\/uploads\\\/2022\\\/06\\\/Promocio\\u0301-Armenteros-Sant-Feliu-09.jpg&quot;},{&quot;src&quot;:&quot;https:\\\/\\\/www.garciafaura.com\\\/wp-content\\\/uploads\\\/2022\\\/06\\\/Promocio\\u0301-Armenteros-Sant-Feliu-08.jpg&quot;},{&quot;src&quot;:&quot;https:\\\/\\\/www.garciafaura.com\\\/wp-content\\\/uploads\\\/2022\\\/06\\\/Promocio\\u0301-Armenteros-Sant-Feliu-07.jpg&quot;},{&quot;src&quot;:&quot;https:\\\/\\\/www.garciafaura.com\\\/wp-content\\\/uploads\\\/2022\\\/06\\\/Promocio\\u0301-Armenteros-Sant-Feliu-06.jpg&quot;},{&quot;src&quot;:&quot;https:\\\/\\\/www.garciafaura.com\\\/wp-content\\\/uploads\\\/2022\\\/06\\\/Promocio\\u0301-Armenteros-Sant-Feliu-05.jpg&quot;},{&quot;src&quot;:&quot;https:\\\/\\\/www.garciafaura.com\\\/wp-content\\\/uploads\\\/2022\\\/06\\\/Promocio\\u0301-Armenteros-Sant-Feliu-04.jpg&quot;},{&quot;src&quot;:&quot;https:\\\/\\\/www.garciafaura.com\\\/wp-content\\\/uploads\\\/2022\\\/06\\\/Promocio\\u0301-Armenteros-Sant-Feliu-03.jpg&quot;},{&quot;src&quot;:&quot;https:\\\/\\\/www.garciafaura.com\\\/wp-content\\\/uploads\\\/2022\\\/06\\\/Promocio\\u0301-Armenteros-Sant-Feliu-02.jpg&quot;}]\"><img loading=\"lazy\" decoding=\"async\" width=\"1200\" height=\"628\" src=\"https:\/\/www.garciafaura.com\/wp-content\/uploads\/2022\/06\/Promocio\u0301-Armenteros-Sant-Feliu-01.jpg\" class=\"portfolio-entry-img skip-lazy\" alt=\"\" data-no-lazy=\"1\" srcset=\"https:\/\/www.garciafaura.com\/wp-content\/uploads\/2022\/06\/Promocio\u0301-Armenteros-Sant-Feliu-01.jpg 1200w, https:\/\/www.garciafaura.com\/wp-content\/uploads\/2022\/06\/Promocio\u0301-Armenteros-Sant-Feliu-01-300x157.jpg 300w, https:\/\/www.garciafaura.com\/wp-content\/uploads\/2022\/06\/Promocio\u0301-Armenteros-Sant-Feliu-01-1024x536.jpg 1024w, https:\/\/www.garciafaura.com\/wp-content\/uploads\/2022\/06\/Promocio\u0301-Armenteros-Sant-Feliu-01-768x402.jpg 768w\" sizes=\"auto, (max-width: 1200px) 100vw, 1200px\" \/><\/a><\/div><div class=\"portfolio-entry-details entry-details wpex-clr\"><h2 class=\"portfolio-entry-title entry-title\"><a href=\"https:\/\/www.garciafaura.com\/fr\/portfolio-item\/promocio-armenteres-sant-feliu\/\" title=\"Promotion Armenteres Sant Feliu\">Promotion Armenteres Sant Feliu<\/a><\/h2><div class=\"portfolio-entry-categories entry-categories wpex-clr\"><a href=\"https:\/\/www.garciafaura.com\/fr\/portfolio-category\/ensembles-residentiels\/\" class=\"term-77\">Ensembles r\u00e9sidentiels<\/a><\/div><\/div><\/div><\/div><div class=\"portfolio-entry vcex-grid-item entry-has-details span_1_of_3 col col-2 vcex-isotope-entry vcex-no-margin-entry post-29666 entry type-portfolio has-media cat-77 translation_priority-5\"><div class=\"portfolio-entry-inner entry-inner wpex-clr\"><div class=\"portfolio-entry-media entry-media wpex-clr\"><a href=\"https:\/\/www.garciafaura.com\/wp-content\/uploads\/2022\/06\/Habitatges-Vilanova-i-la-Geltru-08.jpg\" title=\"R\u00e9sidentiel Pizan Vilanova i la Geltr\u00fa\" class=\"portfolio-entry-media-link wpex-lightbox-gallery\" data-gallery=\"[{&quot;src&quot;:&quot;https:\\\/\\\/www.garciafaura.com\\\/wp-content\\\/uploads\\\/2022\\\/06\\\/Habitatges-Vilanova-i-la-Geltru-08.jpg&quot;},{&quot;src&quot;:&quot;https:\\\/\\\/www.garciafaura.com\\\/wp-content\\\/uploads\\\/2022\\\/06\\\/Habitatges-Vilanova-i-la-Geltru-01.jpg&quot;},{&quot;src&quot;:&quot;https:\\\/\\\/www.garciafaura.com\\\/wp-content\\\/uploads\\\/2022\\\/06\\\/Habitatges-Vilanova-i-la-Geltru-25.jpg&quot;},{&quot;src&quot;:&quot;https:\\\/\\\/www.garciafaura.com\\\/wp-content\\\/uploads\\\/2022\\\/06\\\/Habitatges-Vilanova-i-la-Geltru-24.jpg&quot;},{&quot;src&quot;:&quot;https:\\\/\\\/www.garciafaura.com\\\/wp-content\\\/uploads\\\/2022\\\/06\\\/Habitatges-Vilanova-i-la-Geltru-23.jpg&quot;},{&quot;src&quot;:&quot;https:\\\/\\\/www.garciafaura.com\\\/wp-content\\\/uploads\\\/2022\\\/06\\\/Habitatges-Vilanova-i-la-Geltru-22.jpg&quot;},{&quot;src&quot;:&quot;https:\\\/\\\/www.garciafaura.com\\\/wp-content\\\/uploads\\\/2022\\\/06\\\/Habitatges-Vilanova-i-la-Geltru-21.jpg&quot;},{&quot;src&quot;:&quot;https:\\\/\\\/www.garciafaura.com\\\/wp-content\\\/uploads\\\/2022\\\/06\\\/Habitatges-Vilanova-i-la-Geltru-20.jpg&quot;},{&quot;src&quot;:&quot;https:\\\/\\\/www.garciafaura.com\\\/wp-content\\\/uploads\\\/2022\\\/06\\\/Habitatges-Vilanova-i-la-Geltru-19.jpg&quot;},{&quot;src&quot;:&quot;https:\\\/\\\/www.garciafaura.com\\\/wp-content\\\/uploads\\\/2022\\\/06\\\/Habitatges-Vilanova-i-la-Geltru-18.jpg&quot;},{&quot;src&quot;:&quot;https:\\\/\\\/www.garciafaura.com\\\/wp-content\\\/uploads\\\/2022\\\/06\\\/Habitatges-Vilanova-i-la-Geltru-17.jpg&quot;},{&quot;src&quot;:&quot;https:\\\/\\\/www.garciafaura.com\\\/wp-content\\\/uploads\\\/2022\\\/06\\\/Habitatges-Vilanova-i-la-Geltru-16.jpg&quot;},{&quot;src&quot;:&quot;https:\\\/\\\/www.garciafaura.com\\\/wp-content\\\/uploads\\\/2022\\\/06\\\/Habitatges-Vilanova-i-la-Geltru-15.jpg&quot;},{&quot;src&quot;:&quot;https:\\\/\\\/www.garciafaura.com\\\/wp-content\\\/uploads\\\/2022\\\/06\\\/Habitatges-Vilanova-i-la-Geltru-14.jpg&quot;},{&quot;src&quot;:&quot;https:\\\/\\\/www.garciafaura.com\\\/wp-content\\\/uploads\\\/2022\\\/06\\\/Habitatges-Vilanova-i-la-Geltru-13.jpg&quot;},{&quot;src&quot;:&quot;https:\\\/\\\/www.garciafaura.com\\\/wp-content\\\/uploads\\\/2022\\\/06\\\/Habitatges-Vilanova-i-la-Geltru-12.jpg&quot;},{&quot;src&quot;:&quot;https:\\\/\\\/www.garciafaura.com\\\/wp-content\\\/uploads\\\/2022\\\/06\\\/Habitatges-Vilanova-i-la-Geltru-11.jpg&quot;},{&quot;src&quot;:&quot;https:\\\/\\\/www.garciafaura.com\\\/wp-content\\\/uploads\\\/2022\\\/06\\\/Habitatges-Vilanova-i-la-Geltru-10.jpg&quot;},{&quot;src&quot;:&quot;https:\\\/\\\/www.garciafaura.com\\\/wp-content\\\/uploads\\\/2022\\\/06\\\/Habitatges-Vilanova-i-la-Geltru-09.jpg&quot;},{&quot;src&quot;:&quot;https:\\\/\\\/www.garciafaura.com\\\/wp-content\\\/uploads\\\/2022\\\/06\\\/Habitatges-Vilanova-i-la-Geltru-07.jpg&quot;},{&quot;src&quot;:&quot;https:\\\/\\\/www.garciafaura.com\\\/wp-content\\\/uploads\\\/2022\\\/06\\\/Habitatges-Vilanova-i-la-Geltru-06.jpg&quot;},{&quot;src&quot;:&quot;https:\\\/\\\/www.garciafaura.com\\\/wp-content\\\/uploads\\\/2022\\\/06\\\/Habitatges-Vilanova-i-la-Geltru-05.jpg&quot;},{&quot;src&quot;:&quot;https:\\\/\\\/www.garciafaura.com\\\/wp-content\\\/uploads\\\/2022\\\/06\\\/Habitatges-Vilanova-i-la-Geltru-04.jpg&quot;},{&quot;src&quot;:&quot;https:\\\/\\\/www.garciafaura.com\\\/wp-content\\\/uploads\\\/2022\\\/06\\\/Habitatges-Vilanova-i-la-Geltru-03.jpg&quot;},{&quot;src&quot;:&quot;https:\\\/\\\/www.garciafaura.com\\\/wp-content\\\/uploads\\\/2022\\\/06\\\/Habitatges-Vilanova-i-la-Geltru-02.jpg&quot;}]\"><img loading=\"lazy\" decoding=\"async\" width=\"1200\" height=\"628\" src=\"https:\/\/www.garciafaura.com\/wp-content\/uploads\/2022\/06\/Habitatges-Vilanova-i-la-Geltru-08.jpg\" class=\"portfolio-entry-img skip-lazy\" alt=\"\" data-no-lazy=\"1\" srcset=\"https:\/\/www.garciafaura.com\/wp-content\/uploads\/2022\/06\/Habitatges-Vilanova-i-la-Geltru-08.jpg 1200w, https:\/\/www.garciafaura.com\/wp-content\/uploads\/2022\/06\/Habitatges-Vilanova-i-la-Geltru-08-300x157.jpg 300w, https:\/\/www.garciafaura.com\/wp-content\/uploads\/2022\/06\/Habitatges-Vilanova-i-la-Geltru-08-1024x536.jpg 1024w, https:\/\/www.garciafaura.com\/wp-content\/uploads\/2022\/06\/Habitatges-Vilanova-i-la-Geltru-08-768x402.jpg 768w\" sizes=\"auto, (max-width: 1200px) 100vw, 1200px\" \/><\/a><\/div><div class=\"portfolio-entry-details entry-details wpex-clr\"><h2 class=\"portfolio-entry-title entry-title\"><a href=\"https:\/\/www.garciafaura.com\/fr\/portfolio-item\/residencial-pizan-vilanova-i-la-geltru\/\" title=\"R\u00e9sidentiel Pizan Vilanova i la Geltr\u00fa\">R\u00e9sidentiel Pizan Vilanova i la Geltr\u00fa<\/a><\/h2><div class=\"portfolio-entry-categories entry-categories wpex-clr\"><a href=\"https:\/\/www.garciafaura.com\/fr\/portfolio-category\/ensembles-residentiels\/\" class=\"term-77\">Ensembles r\u00e9sidentiels<\/a><\/div><\/div><\/div><\/div><div class=\"portfolio-entry vcex-grid-item entry-has-details span_1_of_3 col col-3 vcex-isotope-entry vcex-no-margin-entry post-29646 entry type-portfolio has-media cat-77 translation_priority-5\"><div class=\"portfolio-entry-inner entry-inner wpex-clr\"><div class=\"portfolio-entry-media entry-media wpex-clr\"><a href=\"https:\/\/www.garciafaura.com\/wp-content\/uploads\/2022\/06\/Calaf-Glories-24.jpg\" title=\"Promotion Gl\u00f2ries\" class=\"portfolio-entry-media-link wpex-lightbox-gallery\" data-gallery=\"[{&quot;src&quot;:&quot;https:\\\/\\\/www.garciafaura.com\\\/wp-content\\\/uploads\\\/2022\\\/06\\\/Calaf-Glories-24.jpg&quot;},{&quot;src&quot;:&quot;https:\\\/\\\/www.garciafaura.com\\\/wp-content\\\/uploads\\\/2022\\\/06\\\/Calaf-Glories-23.jpg&quot;},{&quot;src&quot;:&quot;https:\\\/\\\/www.garciafaura.com\\\/wp-content\\\/uploads\\\/2022\\\/06\\\/Calaf-Glories-22.jpg&quot;},{&quot;src&quot;:&quot;https:\\\/\\\/www.garciafaura.com\\\/wp-content\\\/uploads\\\/2022\\\/06\\\/Calaf-Glories-21.jpg&quot;},{&quot;src&quot;:&quot;https:\\\/\\\/www.garciafaura.com\\\/wp-content\\\/uploads\\\/2022\\\/06\\\/Calaf-Glories-20.jpg&quot;},{&quot;src&quot;:&quot;https:\\\/\\\/www.garciafaura.com\\\/wp-content\\\/uploads\\\/2022\\\/06\\\/Calaf-Glories-19.jpg&quot;},{&quot;src&quot;:&quot;https:\\\/\\\/www.garciafaura.com\\\/wp-content\\\/uploads\\\/2022\\\/06\\\/Calaf-Glories-18.jpg&quot;},{&quot;src&quot;:&quot;https:\\\/\\\/www.garciafaura.com\\\/wp-content\\\/uploads\\\/2022\\\/06\\\/Calaf-Glories-17.jpg&quot;},{&quot;src&quot;:&quot;https:\\\/\\\/www.garciafaura.com\\\/wp-content\\\/uploads\\\/2022\\\/06\\\/Calaf-Glories-16.jpg&quot;},{&quot;src&quot;:&quot;https:\\\/\\\/www.garciafaura.com\\\/wp-content\\\/uploads\\\/2022\\\/06\\\/Calaf-Glories-15.jpg&quot;},{&quot;src&quot;:&quot;https:\\\/\\\/www.garciafaura.com\\\/wp-content\\\/uploads\\\/2022\\\/06\\\/Calaf-Glories-14.jpg&quot;},{&quot;src&quot;:&quot;https:\\\/\\\/www.garciafaura.com\\\/wp-content\\\/uploads\\\/2022\\\/06\\\/Calaf-Glories-13.jpg&quot;},{&quot;src&quot;:&quot;https:\\\/\\\/www.garciafaura.com\\\/wp-content\\\/uploads\\\/2022\\\/06\\\/Calaf-Glories-12.jpg&quot;},{&quot;src&quot;:&quot;https:\\\/\\\/www.garciafaura.com\\\/wp-content\\\/uploads\\\/2022\\\/06\\\/Calaf-Glories-11.jpg&quot;},{&quot;src&quot;:&quot;https:\\\/\\\/www.garciafaura.com\\\/wp-content\\\/uploads\\\/2022\\\/06\\\/Calaf-Glories-10.jpg&quot;},{&quot;src&quot;:&quot;https:\\\/\\\/www.garciafaura.com\\\/wp-content\\\/uploads\\\/2022\\\/06\\\/Calaf-Glories-09.jpg&quot;},{&quot;src&quot;:&quot;https:\\\/\\\/www.garciafaura.com\\\/wp-content\\\/uploads\\\/2022\\\/06\\\/Calaf-Glories-08.jpg&quot;},{&quot;src&quot;:&quot;https:\\\/\\\/www.garciafaura.com\\\/wp-content\\\/uploads\\\/2022\\\/06\\\/Calaf-Glories-07.jpg&quot;},{&quot;src&quot;:&quot;https:\\\/\\\/www.garciafaura.com\\\/wp-content\\\/uploads\\\/2022\\\/06\\\/Calaf-Glories-06.jpg&quot;},{&quot;src&quot;:&quot;https:\\\/\\\/www.garciafaura.com\\\/wp-content\\\/uploads\\\/2022\\\/06\\\/Calaf-Glories-05.jpg&quot;},{&quot;src&quot;:&quot;https:\\\/\\\/www.garciafaura.com\\\/wp-content\\\/uploads\\\/2022\\\/06\\\/Calaf-Glories-04.jpg&quot;},{&quot;src&quot;:&quot;https:\\\/\\\/www.garciafaura.com\\\/wp-content\\\/uploads\\\/2022\\\/06\\\/Calaf-Glories-03.jpg&quot;},{&quot;src&quot;:&quot;https:\\\/\\\/www.garciafaura.com\\\/wp-content\\\/uploads\\\/2022\\\/06\\\/Calaf-Glories-02.jpg&quot;},{&quot;src&quot;:&quot;https:\\\/\\\/www.garciafaura.com\\\/wp-content\\\/uploads\\\/2022\\\/06\\\/Calaf-Glories-01.jpg&quot;}]\"><img loading=\"lazy\" decoding=\"async\" width=\"1200\" height=\"628\" src=\"https:\/\/www.garciafaura.com\/wp-content\/uploads\/2022\/06\/Calaf-Glories-24.jpg\" class=\"portfolio-entry-img skip-lazy\" alt=\"\" data-no-lazy=\"1\" srcset=\"https:\/\/www.garciafaura.com\/wp-content\/uploads\/2022\/06\/Calaf-Glories-24.jpg 1200w, https:\/\/www.garciafaura.com\/wp-content\/uploads\/2022\/06\/Calaf-Glories-24-300x157.jpg 300w, https:\/\/www.garciafaura.com\/wp-content\/uploads\/2022\/06\/Calaf-Glories-24-1024x536.jpg 1024w, https:\/\/www.garciafaura.com\/wp-content\/uploads\/2022\/06\/Calaf-Glories-24-768x402.jpg 768w\" sizes=\"auto, (max-width: 1200px) 100vw, 1200px\" \/><\/a><\/div><div class=\"portfolio-entry-details entry-details wpex-clr\"><h2 class=\"portfolio-entry-title entry-title\"><a href=\"https:\/\/www.garciafaura.com\/fr\/portfolio-item\/promocio-glories\/\" title=\"Promotion Gl\u00f2ries\">Promotion Gl\u00f2ries<\/a><\/h2><div class=\"portfolio-entry-categories entry-categories wpex-clr\"><a href=\"https:\/\/www.garciafaura.com\/fr\/portfolio-category\/ensembles-residentiels\/\" class=\"term-77\">Ensembles r\u00e9sidentiels<\/a><\/div><\/div><\/div><\/div><div class=\"portfolio-entry vcex-grid-item entry-has-details span_1_of_3 col col-1 vcex-isotope-entry vcex-no-margin-entry post-29174 entry type-portfolio has-media cat-77 translation_priority-5\"><div class=\"portfolio-entry-inner entry-inner wpex-clr\"><div class=\"portfolio-entry-media entry-media wpex-clr\"><a href=\"https:\/\/www.garciafaura.com\/wp-content\/uploads\/2022\/03\/Promocio-carretera-Ribes-05.jpg\" title=\"Promotion Carretera Ribes\" class=\"portfolio-entry-media-link wpex-lightbox-gallery\" data-gallery=\"[{&quot;src&quot;:&quot;https:\\\/\\\/www.garciafaura.com\\\/wp-content\\\/uploads\\\/2022\\\/03\\\/Promocio-carretera-Ribes-05.jpg&quot;},{&quot;src&quot;:&quot;https:\\\/\\\/www.garciafaura.com\\\/wp-content\\\/uploads\\\/2022\\\/03\\\/Promocio-carretera-Ribes-01.jpg&quot;},{&quot;src&quot;:&quot;https:\\\/\\\/www.garciafaura.com\\\/wp-content\\\/uploads\\\/2022\\\/03\\\/Promocio-carretera-Ribes-14.jpg&quot;},{&quot;src&quot;:&quot;https:\\\/\\\/www.garciafaura.com\\\/wp-content\\\/uploads\\\/2022\\\/03\\\/Promocio-carretera-Ribes-13.jpg&quot;},{&quot;src&quot;:&quot;https:\\\/\\\/www.garciafaura.com\\\/wp-content\\\/uploads\\\/2022\\\/03\\\/Promocio-carretera-Ribes-12.jpg&quot;},{&quot;src&quot;:&quot;https:\\\/\\\/www.garciafaura.com\\\/wp-content\\\/uploads\\\/2022\\\/03\\\/Promocio-carretera-Ribes-11.jpg&quot;},{&quot;src&quot;:&quot;https:\\\/\\\/www.garciafaura.com\\\/wp-content\\\/uploads\\\/2022\\\/03\\\/Promocio-carretera-Ribes-10.jpg&quot;},{&quot;src&quot;:&quot;https:\\\/\\\/www.garciafaura.com\\\/wp-content\\\/uploads\\\/2022\\\/03\\\/Promocio-carretera-Ribes-09.jpg&quot;},{&quot;src&quot;:&quot;https:\\\/\\\/www.garciafaura.com\\\/wp-content\\\/uploads\\\/2022\\\/03\\\/Promocio-carretera-Ribes-08.jpg&quot;},{&quot;src&quot;:&quot;https:\\\/\\\/www.garciafaura.com\\\/wp-content\\\/uploads\\\/2022\\\/03\\\/Promocio-carretera-Ribes-07.jpg&quot;},{&quot;src&quot;:&quot;https:\\\/\\\/www.garciafaura.com\\\/wp-content\\\/uploads\\\/2022\\\/03\\\/Promocio-carretera-Ribes-06.jpg&quot;},{&quot;src&quot;:&quot;https:\\\/\\\/www.garciafaura.com\\\/wp-content\\\/uploads\\\/2022\\\/03\\\/Promocio-carretera-Ribes-04.jpg&quot;},{&quot;src&quot;:&quot;https:\\\/\\\/www.garciafaura.com\\\/wp-content\\\/uploads\\\/2022\\\/03\\\/Promocio-carretera-Ribes-03.jpg&quot;},{&quot;src&quot;:&quot;https:\\\/\\\/www.garciafaura.com\\\/wp-content\\\/uploads\\\/2022\\\/03\\\/Promocio-carretera-Ribes-02.jpg&quot;}]\"><img loading=\"lazy\" decoding=\"async\" width=\"1200\" height=\"628\" src=\"https:\/\/www.garciafaura.com\/wp-content\/uploads\/2022\/03\/Promocio-carretera-Ribes-05.jpg\" class=\"portfolio-entry-img skip-lazy\" alt=\"\" data-no-lazy=\"1\" srcset=\"https:\/\/www.garciafaura.com\/wp-content\/uploads\/2022\/03\/Promocio-carretera-Ribes-05.jpg 1200w, https:\/\/www.garciafaura.com\/wp-content\/uploads\/2022\/03\/Promocio-carretera-Ribes-05-300x157.jpg 300w, https:\/\/www.garciafaura.com\/wp-content\/uploads\/2022\/03\/Promocio-carretera-Ribes-05-1024x536.jpg 1024w, https:\/\/www.garciafaura.com\/wp-content\/uploads\/2022\/03\/Promocio-carretera-Ribes-05-768x402.jpg 768w\" sizes=\"auto, (max-width: 1200px) 100vw, 1200px\" \/><\/a><\/div><div class=\"portfolio-entry-details entry-details wpex-clr\"><h2 class=\"portfolio-entry-title entry-title\"><a href=\"https:\/\/www.garciafaura.com\/fr\/portfolio-item\/promocio-carretera-ribes\/\" title=\"Promotion Carretera Ribes\">Promotion Carretera Ribes<\/a><\/h2><div class=\"portfolio-entry-categories entry-categories wpex-clr\"><a href=\"https:\/\/www.garciafaura.com\/fr\/portfolio-category\/ensembles-residentiels\/\" class=\"term-77\">Ensembles r\u00e9sidentiels<\/a><\/div><\/div><\/div><\/div><div class=\"portfolio-entry vcex-grid-item entry-has-details span_1_of_3 col col-2 vcex-isotope-entry vcex-no-margin-entry post-29009 entry type-portfolio has-media cat-77 cat-91 translation_priority-5\"><div class=\"portfolio-entry-inner entry-inner wpex-clr\"><div class=\"portfolio-entry-media entry-media wpex-clr\"><a href=\"https:\/\/www.garciafaura.com\/wp-content\/uploads\/2022\/02\/Cosme-Toda-31.jpg\" title=\"Promotion Cosme Toda\" class=\"portfolio-entry-media-link wpex-lightbox-gallery\" data-gallery=\"[{&quot;src&quot;:&quot;https:\\\/\\\/www.garciafaura.com\\\/wp-content\\\/uploads\\\/2022\\\/02\\\/Cosme-Toda-31.jpg&quot;},{&quot;src&quot;:&quot;https:\\\/\\\/www.garciafaura.com\\\/wp-content\\\/uploads\\\/2022\\\/02\\\/Cosme-Toda-30.jpg&quot;},{&quot;src&quot;:&quot;https:\\\/\\\/www.garciafaura.com\\\/wp-content\\\/uploads\\\/2022\\\/02\\\/Cosme-Toda-29.jpg&quot;},{&quot;src&quot;:&quot;https:\\\/\\\/www.garciafaura.com\\\/wp-content\\\/uploads\\\/2022\\\/02\\\/Cosme-Toda-28.jpg&quot;},{&quot;src&quot;:&quot;https:\\\/\\\/www.garciafaura.com\\\/wp-content\\\/uploads\\\/2022\\\/02\\\/Cosme-Toda-27.jpg&quot;},{&quot;src&quot;:&quot;https:\\\/\\\/www.garciafaura.com\\\/wp-content\\\/uploads\\\/2022\\\/02\\\/Cosme-Toda-26.jpg&quot;},{&quot;src&quot;:&quot;https:\\\/\\\/www.garciafaura.com\\\/wp-content\\\/uploads\\\/2022\\\/02\\\/Cosme-Toda-25.jpg&quot;},{&quot;src&quot;:&quot;https:\\\/\\\/www.garciafaura.com\\\/wp-content\\\/uploads\\\/2022\\\/02\\\/Cosme-Toda-24.jpg&quot;},{&quot;src&quot;:&quot;https:\\\/\\\/www.garciafaura.com\\\/wp-content\\\/uploads\\\/2022\\\/02\\\/Cosme-Toda-23.jpg&quot;},{&quot;src&quot;:&quot;https:\\\/\\\/www.garciafaura.com\\\/wp-content\\\/uploads\\\/2022\\\/02\\\/Cosme-Toda-22.jpg&quot;},{&quot;src&quot;:&quot;https:\\\/\\\/www.garciafaura.com\\\/wp-content\\\/uploads\\\/2022\\\/02\\\/Cosme-Toda-21.jpg&quot;},{&quot;src&quot;:&quot;https:\\\/\\\/www.garciafaura.com\\\/wp-content\\\/uploads\\\/2022\\\/02\\\/Cosme-Toda-20.jpg&quot;},{&quot;src&quot;:&quot;https:\\\/\\\/www.garciafaura.com\\\/wp-content\\\/uploads\\\/2022\\\/02\\\/Cosme-Toda-19.jpg&quot;},{&quot;src&quot;:&quot;https:\\\/\\\/www.garciafaura.com\\\/wp-content\\\/uploads\\\/2022\\\/02\\\/Cosme-Toda-18.jpg&quot;},{&quot;src&quot;:&quot;https:\\\/\\\/www.garciafaura.com\\\/wp-content\\\/uploads\\\/2022\\\/02\\\/Cosme-Toda-17.jpg&quot;},{&quot;src&quot;:&quot;https:\\\/\\\/www.garciafaura.com\\\/wp-content\\\/uploads\\\/2022\\\/02\\\/Cosme-Toda-16.jpg&quot;},{&quot;src&quot;:&quot;https:\\\/\\\/www.garciafaura.com\\\/wp-content\\\/uploads\\\/2022\\\/02\\\/Cosme-Toda-15.jpg&quot;},{&quot;src&quot;:&quot;https:\\\/\\\/www.garciafaura.com\\\/wp-content\\\/uploads\\\/2022\\\/02\\\/Cosme-Toda-14.jpg&quot;},{&quot;src&quot;:&quot;https:\\\/\\\/www.garciafaura.com\\\/wp-content\\\/uploads\\\/2022\\\/02\\\/Cosme-Toda-13.jpg&quot;},{&quot;src&quot;:&quot;https:\\\/\\\/www.garciafaura.com\\\/wp-content\\\/uploads\\\/2022\\\/02\\\/Cosme-Toda-12.jpg&quot;},{&quot;src&quot;:&quot;https:\\\/\\\/www.garciafaura.com\\\/wp-content\\\/uploads\\\/2022\\\/02\\\/Cosme-Toda-11.jpg&quot;},{&quot;src&quot;:&quot;https:\\\/\\\/www.garciafaura.com\\\/wp-content\\\/uploads\\\/2022\\\/02\\\/Cosme-Toda-10.jpg&quot;},{&quot;src&quot;:&quot;https:\\\/\\\/www.garciafaura.com\\\/wp-content\\\/uploads\\\/2022\\\/02\\\/Cosme-Toda-09.jpg&quot;},{&quot;src&quot;:&quot;https:\\\/\\\/www.garciafaura.com\\\/wp-content\\\/uploads\\\/2022\\\/02\\\/Cosme-Toda-08.jpg&quot;},{&quot;src&quot;:&quot;https:\\\/\\\/www.garciafaura.com\\\/wp-content\\\/uploads\\\/2022\\\/02\\\/Cosme-Toda-07.jpg&quot;},{&quot;src&quot;:&quot;https:\\\/\\\/www.garciafaura.com\\\/wp-content\\\/uploads\\\/2022\\\/02\\\/Cosme-Toda-06.jpg&quot;},{&quot;src&quot;:&quot;https:\\\/\\\/www.garciafaura.com\\\/wp-content\\\/uploads\\\/2022\\\/02\\\/Cosme-Toda-05.jpg&quot;},{&quot;src&quot;:&quot;https:\\\/\\\/www.garciafaura.com\\\/wp-content\\\/uploads\\\/2022\\\/02\\\/Cosme-Toda-04.jpg&quot;},{&quot;src&quot;:&quot;https:\\\/\\\/www.garciafaura.com\\\/wp-content\\\/uploads\\\/2022\\\/02\\\/Cosme-Toda-03.jpg&quot;},{&quot;src&quot;:&quot;https:\\\/\\\/www.garciafaura.com\\\/wp-content\\\/uploads\\\/2022\\\/02\\\/Cosme-Toda-02.jpg&quot;},{&quot;src&quot;:&quot;https:\\\/\\\/www.garciafaura.com\\\/wp-content\\\/uploads\\\/2022\\\/02\\\/Cosme-Toda-01.jpg&quot;}]\"><img loading=\"lazy\" decoding=\"async\" width=\"1200\" height=\"628\" src=\"https:\/\/www.garciafaura.com\/wp-content\/uploads\/2022\/02\/Cosme-Toda-31.jpg\" class=\"portfolio-entry-img skip-lazy\" alt=\"\" data-no-lazy=\"1\" srcset=\"https:\/\/www.garciafaura.com\/wp-content\/uploads\/2022\/02\/Cosme-Toda-31.jpg 1200w, https:\/\/www.garciafaura.com\/wp-content\/uploads\/2022\/02\/Cosme-Toda-31-300x157.jpg 300w, https:\/\/www.garciafaura.com\/wp-content\/uploads\/2022\/02\/Cosme-Toda-31-1024x536.jpg 1024w, https:\/\/www.garciafaura.com\/wp-content\/uploads\/2022\/02\/Cosme-Toda-31-768x402.jpg 768w\" sizes=\"auto, (max-width: 1200px) 100vw, 1200px\" \/><\/a><\/div><div class=\"portfolio-entry-details entry-details wpex-clr\"><h2 class=\"portfolio-entry-title entry-title\"><a href=\"https:\/\/www.garciafaura.com\/fr\/portfolio-item\/promocio-cosme-toda\/\" title=\"Promotion Cosme Toda\">Promotion Cosme Toda<\/a><\/h2><div class=\"portfolio-entry-categories entry-categories wpex-clr\"><a href=\"https:\/\/www.garciafaura.com\/fr\/portfolio-category\/ensembles-residentiels\/\" class=\"term-77\">Ensembles r\u00e9sidentiels<\/a><\/div><\/div><\/div><\/div><div class=\"portfolio-entry vcex-grid-item entry-has-details span_1_of_3 col col-3 vcex-isotope-entry vcex-no-margin-entry post-28988 entry type-portfolio has-media cat-77 translation_priority-5\"><div class=\"portfolio-entry-inner entry-inner wpex-clr\"><div class=\"portfolio-entry-media entry-media wpex-clr\"><a href=\"https:\/\/www.garciafaura.com\/wp-content\/uploads\/2022\/02\/Sant-Roc-Badalona-16.jpg\" title=\"Promotion Bloc T Badalona\" class=\"portfolio-entry-media-link wpex-lightbox-gallery\" data-gallery=\"[{&quot;src&quot;:&quot;https:\\\/\\\/www.garciafaura.com\\\/wp-content\\\/uploads\\\/2022\\\/02\\\/Sant-Roc-Badalona-1.jpg&quot;},{&quot;src&quot;:&quot;https:\\\/\\\/www.garciafaura.com\\\/wp-content\\\/uploads\\\/2022\\\/02\\\/Sant-Roc-Badalona-16.jpg&quot;},{&quot;src&quot;:&quot;https:\\\/\\\/www.garciafaura.com\\\/wp-content\\\/uploads\\\/2022\\\/02\\\/Sant-Roc-Badalona-15.jpg&quot;},{&quot;src&quot;:&quot;https:\\\/\\\/www.garciafaura.com\\\/wp-content\\\/uploads\\\/2022\\\/02\\\/Sant-Roc-Badalona-14.jpg&quot;},{&quot;src&quot;:&quot;https:\\\/\\\/www.garciafaura.com\\\/wp-content\\\/uploads\\\/2022\\\/02\\\/Sant-Roc-Badalona-13.jpg&quot;},{&quot;src&quot;:&quot;https:\\\/\\\/www.garciafaura.com\\\/wp-content\\\/uploads\\\/2022\\\/02\\\/Sant-Roc-Badalona-12.jpg&quot;},{&quot;src&quot;:&quot;https:\\\/\\\/www.garciafaura.com\\\/wp-content\\\/uploads\\\/2022\\\/02\\\/Sant-Roc-Badalona-11.jpg&quot;},{&quot;src&quot;:&quot;https:\\\/\\\/www.garciafaura.com\\\/wp-content\\\/uploads\\\/2022\\\/02\\\/Sant-Roc-Badalona-10.jpg&quot;},{&quot;src&quot;:&quot;https:\\\/\\\/www.garciafaura.com\\\/wp-content\\\/uploads\\\/2022\\\/02\\\/Sant-Roc-Badalona-9.jpg&quot;},{&quot;src&quot;:&quot;https:\\\/\\\/www.garciafaura.com\\\/wp-content\\\/uploads\\\/2022\\\/02\\\/Sant-Roc-Badalona-8.jpg&quot;},{&quot;src&quot;:&quot;https:\\\/\\\/www.garciafaura.com\\\/wp-content\\\/uploads\\\/2022\\\/02\\\/Sant-Roc-Badalona-7.jpg&quot;},{&quot;src&quot;:&quot;https:\\\/\\\/www.garciafaura.com\\\/wp-content\\\/uploads\\\/2022\\\/02\\\/Sant-Roc-Badalona-6.jpg&quot;},{&quot;src&quot;:&quot;https:\\\/\\\/www.garciafaura.com\\\/wp-content\\\/uploads\\\/2022\\\/02\\\/Sant-Roc-Badalona-5.jpg&quot;},{&quot;src&quot;:&quot;https:\\\/\\\/www.garciafaura.com\\\/wp-content\\\/uploads\\\/2022\\\/02\\\/Sant-Roc-Badalona-4.jpg&quot;},{&quot;src&quot;:&quot;https:\\\/\\\/www.garciafaura.com\\\/wp-content\\\/uploads\\\/2022\\\/02\\\/Sant-Roc-Badalona-3.jpg&quot;},{&quot;src&quot;:&quot;https:\\\/\\\/www.garciafaura.com\\\/wp-content\\\/uploads\\\/2022\\\/02\\\/Sant-Roc-Badalona-2.jpg&quot;}]\"><img loading=\"lazy\" decoding=\"async\" width=\"1200\" height=\"628\" src=\"https:\/\/www.garciafaura.com\/wp-content\/uploads\/2022\/02\/Sant-Roc-Badalona-16.jpg\" class=\"portfolio-entry-img skip-lazy\" alt=\"\" data-no-lazy=\"1\" srcset=\"https:\/\/www.garciafaura.com\/wp-content\/uploads\/2022\/02\/Sant-Roc-Badalona-16.jpg 1200w, https:\/\/www.garciafaura.com\/wp-content\/uploads\/2022\/02\/Sant-Roc-Badalona-16-300x157.jpg 300w, https:\/\/www.garciafaura.com\/wp-content\/uploads\/2022\/02\/Sant-Roc-Badalona-16-1024x536.jpg 1024w, https:\/\/www.garciafaura.com\/wp-content\/uploads\/2022\/02\/Sant-Roc-Badalona-16-768x402.jpg 768w\" sizes=\"auto, (max-width: 1200px) 100vw, 1200px\" \/><\/a><\/div><div class=\"portfolio-entry-details entry-details wpex-clr\"><h2 class=\"portfolio-entry-title entry-title\"><a href=\"https:\/\/www.garciafaura.com\/fr\/portfolio-item\/promocio-bloc-t-badalona\/\" title=\"Promotion Bloc T Badalona\">Promotion Bloc T Badalona<\/a><\/h2><div class=\"portfolio-entry-categories entry-categories wpex-clr\"><a href=\"https:\/\/www.garciafaura.com\/fr\/portfolio-category\/ensembles-residentiels\/\" class=\"term-77\">Ensembles r\u00e9sidentiels<\/a><\/div><\/div><\/div><\/div><div class=\"portfolio-entry vcex-grid-item entry-has-details span_1_of_3 col col-1 vcex-isotope-entry vcex-no-margin-entry post-28557 entry type-portfolio has-media cat-77 cat-91 translation_priority-5\"><div class=\"portfolio-entry-inner entry-inner wpex-clr\"><div class=\"portfolio-entry-media entry-media wpex-clr\"><a href=\"https:\/\/www.garciafaura.com\/wp-content\/uploads\/2021\/10\/Voramar-Badalona-01.jpg\" title=\"R\u00e9sidentiel Voramar\" class=\"portfolio-entry-media-link wpex-lightbox-gallery\" data-gallery=\"[{&quot;src&quot;:&quot;https:\\\/\\\/www.garciafaura.com\\\/wp-content\\\/uploads\\\/2021\\\/10\\\/Voramar-Badalona-01.jpg&quot;},{&quot;src&quot;:&quot;https:\\\/\\\/www.garciafaura.com\\\/wp-content\\\/uploads\\\/2021\\\/10\\\/Voramar-Badalona-33.jpg&quot;},{&quot;src&quot;:&quot;https:\\\/\\\/www.garciafaura.com\\\/wp-content\\\/uploads\\\/2021\\\/10\\\/Voramar-Badalona-32.jpg&quot;},{&quot;src&quot;:&quot;https:\\\/\\\/www.garciafaura.com\\\/wp-content\\\/uploads\\\/2021\\\/10\\\/Voramar-Badalona-31.jpg&quot;},{&quot;src&quot;:&quot;https:\\\/\\\/www.garciafaura.com\\\/wp-content\\\/uploads\\\/2021\\\/10\\\/Voramar-Badalona-30.jpg&quot;},{&quot;src&quot;:&quot;https:\\\/\\\/www.garciafaura.com\\\/wp-content\\\/uploads\\\/2021\\\/10\\\/Voramar-Badalona-29.jpg&quot;},{&quot;src&quot;:&quot;https:\\\/\\\/www.garciafaura.com\\\/wp-content\\\/uploads\\\/2021\\\/10\\\/Voramar-Badalona-28.jpg&quot;},{&quot;src&quot;:&quot;https:\\\/\\\/www.garciafaura.com\\\/wp-content\\\/uploads\\\/2021\\\/10\\\/Voramar-Badalona-27.jpg&quot;},{&quot;src&quot;:&quot;https:\\\/\\\/www.garciafaura.com\\\/wp-content\\\/uploads\\\/2021\\\/10\\\/Voramar-Badalona-26.jpg&quot;},{&quot;src&quot;:&quot;https:\\\/\\\/www.garciafaura.com\\\/wp-content\\\/uploads\\\/2021\\\/10\\\/Voramar-Badalona-25.jpg&quot;},{&quot;src&quot;:&quot;https:\\\/\\\/www.garciafaura.com\\\/wp-content\\\/uploads\\\/2021\\\/10\\\/Voramar-Badalona-24.jpg&quot;},{&quot;src&quot;:&quot;https:\\\/\\\/www.garciafaura.com\\\/wp-content\\\/uploads\\\/2021\\\/10\\\/Voramar-Badalona-23.jpg&quot;},{&quot;src&quot;:&quot;https:\\\/\\\/www.garciafaura.com\\\/wp-content\\\/uploads\\\/2021\\\/10\\\/Voramar-Badalona-22.jpg&quot;},{&quot;src&quot;:&quot;https:\\\/\\\/www.garciafaura.com\\\/wp-content\\\/uploads\\\/2021\\\/10\\\/Voramar-Badalona-21.jpg&quot;},{&quot;src&quot;:&quot;https:\\\/\\\/www.garciafaura.com\\\/wp-content\\\/uploads\\\/2021\\\/10\\\/Voramar-Badalona-20.jpg&quot;},{&quot;src&quot;:&quot;https:\\\/\\\/www.garciafaura.com\\\/wp-content\\\/uploads\\\/2021\\\/10\\\/Voramar-Badalona-19.jpg&quot;},{&quot;src&quot;:&quot;https:\\\/\\\/www.garciafaura.com\\\/wp-content\\\/uploads\\\/2021\\\/10\\\/Voramar-Badalona-18.jpg&quot;},{&quot;src&quot;:&quot;https:\\\/\\\/www.garciafaura.com\\\/wp-content\\\/uploads\\\/2021\\\/10\\\/Voramar-Badalona-17.jpg&quot;},{&quot;src&quot;:&quot;https:\\\/\\\/www.garciafaura.com\\\/wp-content\\\/uploads\\\/2021\\\/10\\\/Voramar-Badalona-16.jpg&quot;},{&quot;src&quot;:&quot;https:\\\/\\\/www.garciafaura.com\\\/wp-content\\\/uploads\\\/2021\\\/10\\\/Voramar-Badalona-15.jpg&quot;},{&quot;src&quot;:&quot;https:\\\/\\\/www.garciafaura.com\\\/wp-content\\\/uploads\\\/2021\\\/10\\\/Voramar-Badalona-14.jpg&quot;},{&quot;src&quot;:&quot;https:\\\/\\\/www.garciafaura.com\\\/wp-content\\\/uploads\\\/2021\\\/10\\\/Voramar-Badalona-13.jpg&quot;},{&quot;src&quot;:&quot;https:\\\/\\\/www.garciafaura.com\\\/wp-content\\\/uploads\\\/2021\\\/10\\\/Voramar-Badalona-12.jpg&quot;},{&quot;src&quot;:&quot;https:\\\/\\\/www.garciafaura.com\\\/wp-content\\\/uploads\\\/2021\\\/10\\\/Voramar-Badalona-11.jpg&quot;},{&quot;src&quot;:&quot;https:\\\/\\\/www.garciafaura.com\\\/wp-content\\\/uploads\\\/2021\\\/10\\\/Voramar-Badalona-10.jpg&quot;},{&quot;src&quot;:&quot;https:\\\/\\\/www.garciafaura.com\\\/wp-content\\\/uploads\\\/2021\\\/10\\\/Voramar-Badalona-09.jpg&quot;},{&quot;src&quot;:&quot;https:\\\/\\\/www.garciafaura.com\\\/wp-content\\\/uploads\\\/2021\\\/10\\\/Voramar-Badalona-08.jpg&quot;},{&quot;src&quot;:&quot;https:\\\/\\\/www.garciafaura.com\\\/wp-content\\\/uploads\\\/2021\\\/10\\\/Voramar-Badalona-07.jpg&quot;},{&quot;src&quot;:&quot;https:\\\/\\\/www.garciafaura.com\\\/wp-content\\\/uploads\\\/2021\\\/10\\\/Voramar-Badalona-06.jpg&quot;},{&quot;src&quot;:&quot;https:\\\/\\\/www.garciafaura.com\\\/wp-content\\\/uploads\\\/2021\\\/10\\\/Voramar-Badalona-05.jpg&quot;},{&quot;src&quot;:&quot;https:\\\/\\\/www.garciafaura.com\\\/wp-content\\\/uploads\\\/2021\\\/10\\\/Voramar-Badalona-04.jpg&quot;},{&quot;src&quot;:&quot;https:\\\/\\\/www.garciafaura.com\\\/wp-content\\\/uploads\\\/2021\\\/10\\\/Voramar-Badalona-03.jpg&quot;},{&quot;src&quot;:&quot;https:\\\/\\\/www.garciafaura.com\\\/wp-content\\\/uploads\\\/2021\\\/10\\\/Voramar-Badalona-02.jpg&quot;}]\"><img loading=\"lazy\" decoding=\"async\" width=\"1200\" height=\"628\" src=\"https:\/\/www.garciafaura.com\/wp-content\/uploads\/2021\/10\/Voramar-Badalona-01.jpg\" class=\"portfolio-entry-img skip-lazy\" alt=\"\" data-no-lazy=\"1\" srcset=\"https:\/\/www.garciafaura.com\/wp-content\/uploads\/2021\/10\/Voramar-Badalona-01.jpg 1200w, https:\/\/www.garciafaura.com\/wp-content\/uploads\/2021\/10\/Voramar-Badalona-01-300x157.jpg 300w, https:\/\/www.garciafaura.com\/wp-content\/uploads\/2021\/10\/Voramar-Badalona-01-1024x536.jpg 1024w, https:\/\/www.garciafaura.com\/wp-content\/uploads\/2021\/10\/Voramar-Badalona-01-768x402.jpg 768w\" sizes=\"auto, (max-width: 1200px) 100vw, 1200px\" \/><\/a><\/div><div class=\"portfolio-entry-details entry-details wpex-clr\"><h2 class=\"portfolio-entry-title entry-title\"><a href=\"https:\/\/www.garciafaura.com\/fr\/portfolio-item\/residencial-voramar\/\" title=\"R\u00e9sidentiel Voramar\">R\u00e9sidentiel Voramar<\/a><\/h2><div class=\"portfolio-entry-categories entry-categories wpex-clr\"><a href=\"https:\/\/www.garciafaura.com\/fr\/portfolio-category\/ensembles-residentiels\/\" class=\"term-77\">Ensembles r\u00e9sidentiels<\/a><\/div><\/div><\/div><\/div><div class=\"portfolio-entry vcex-grid-item entry-has-details span_1_of_3 col col-2 vcex-isotope-entry vcex-no-margin-entry post-28518 entry type-portfolio has-media cat-77 cat-91 cat-94 cat-96 translation_priority-5\"><div class=\"portfolio-entry-inner entry-inner wpex-clr\"><div class=\"portfolio-entry-media entry-media wpex-clr\"><a href=\"https:\/\/www.garciafaura.com\/wp-content\/uploads\/2021\/10\/Tembo-suites-Barcelona-51.jpg\" title=\"Appartaments Tembo Suites\" class=\"portfolio-entry-media-link wpex-lightbox-gallery\" data-gallery=\"[{&quot;src&quot;:&quot;https:\\\/\\\/www.garciafaura.com\\\/wp-content\\\/uploads\\\/2021\\\/10\\\/Tembo-suites-Barcelona-51.jpg&quot;},{&quot;src&quot;:&quot;https:\\\/\\\/www.garciafaura.com\\\/wp-content\\\/uploads\\\/2021\\\/10\\\/Tembo-suites-Barcelona-50.jpg&quot;},{&quot;src&quot;:&quot;https:\\\/\\\/www.garciafaura.com\\\/wp-content\\\/uploads\\\/2021\\\/10\\\/Tembo-suites-Barcelona-49.jpg&quot;},{&quot;src&quot;:&quot;https:\\\/\\\/www.garciafaura.com\\\/wp-content\\\/uploads\\\/2021\\\/10\\\/Tembo-suites-Barcelona-48.jpg&quot;},{&quot;src&quot;:&quot;https:\\\/\\\/www.garciafaura.com\\\/wp-content\\\/uploads\\\/2021\\\/10\\\/Tembo-suites-Barcelona-47.jpg&quot;},{&quot;src&quot;:&quot;https:\\\/\\\/www.garciafaura.com\\\/wp-content\\\/uploads\\\/2021\\\/10\\\/Tembo-suites-Barcelona-46.jpg&quot;},{&quot;src&quot;:&quot;https:\\\/\\\/www.garciafaura.com\\\/wp-content\\\/uploads\\\/2021\\\/10\\\/Tembo-suites-Barcelona-45.jpg&quot;},{&quot;src&quot;:&quot;https:\\\/\\\/www.garciafaura.com\\\/wp-content\\\/uploads\\\/2021\\\/10\\\/Tembo-suites-Barcelona-44.jpg&quot;},{&quot;src&quot;:&quot;https:\\\/\\\/www.garciafaura.com\\\/wp-content\\\/uploads\\\/2021\\\/10\\\/Tembo-suites-Barcelona-43.jpg&quot;},{&quot;src&quot;:&quot;https:\\\/\\\/www.garciafaura.com\\\/wp-content\\\/uploads\\\/2021\\\/10\\\/Tembo-suites-Barcelona-42.jpg&quot;},{&quot;src&quot;:&quot;https:\\\/\\\/www.garciafaura.com\\\/wp-content\\\/uploads\\\/2021\\\/10\\\/Tembo-suites-Barcelona-41.jpg&quot;},{&quot;src&quot;:&quot;https:\\\/\\\/www.garciafaura.com\\\/wp-content\\\/uploads\\\/2021\\\/10\\\/Tembo-suites-Barcelona-40.jpg&quot;},{&quot;src&quot;:&quot;https:\\\/\\\/www.garciafaura.com\\\/wp-content\\\/uploads\\\/2021\\\/10\\\/Tembo-suites-Barcelona-39.jpg&quot;},{&quot;src&quot;:&quot;https:\\\/\\\/www.garciafaura.com\\\/wp-content\\\/uploads\\\/2021\\\/10\\\/Tembo-suites-Barcelona-38.jpg&quot;},{&quot;src&quot;:&quot;https:\\\/\\\/www.garciafaura.com\\\/wp-content\\\/uploads\\\/2021\\\/10\\\/Tembo-suites-Barcelona-37.jpg&quot;},{&quot;src&quot;:&quot;https:\\\/\\\/www.garciafaura.com\\\/wp-content\\\/uploads\\\/2021\\\/10\\\/Tembo-suites-Barcelona-36.jpg&quot;},{&quot;src&quot;:&quot;https:\\\/\\\/www.garciafaura.com\\\/wp-content\\\/uploads\\\/2021\\\/10\\\/Tembo-suites-Barcelona-35.jpg&quot;},{&quot;src&quot;:&quot;https:\\\/\\\/www.garciafaura.com\\\/wp-content\\\/uploads\\\/2021\\\/10\\\/Tembo-suites-Barcelona-34.jpg&quot;},{&quot;src&quot;:&quot;https:\\\/\\\/www.garciafaura.com\\\/wp-content\\\/uploads\\\/2021\\\/10\\\/Tembo-suites-Barcelona-33.jpg&quot;},{&quot;src&quot;:&quot;https:\\\/\\\/www.garciafaura.com\\\/wp-content\\\/uploads\\\/2021\\\/10\\\/Tembo-suites-Barcelona-32.jpg&quot;},{&quot;src&quot;:&quot;https:\\\/\\\/www.garciafaura.com\\\/wp-content\\\/uploads\\\/2021\\\/10\\\/Tembo-suites-Barcelona-31.jpg&quot;},{&quot;src&quot;:&quot;https:\\\/\\\/www.garciafaura.com\\\/wp-content\\\/uploads\\\/2021\\\/10\\\/Tembo-suites-Barcelona-30.jpg&quot;},{&quot;src&quot;:&quot;https:\\\/\\\/www.garciafaura.com\\\/wp-content\\\/uploads\\\/2021\\\/10\\\/Tembo-suites-Barcelona-29.jpg&quot;},{&quot;src&quot;:&quot;https:\\\/\\\/www.garciafaura.com\\\/wp-content\\\/uploads\\\/2021\\\/10\\\/Tembo-suites-Barcelona-28.jpg&quot;},{&quot;src&quot;:&quot;https:\\\/\\\/www.garciafaura.com\\\/wp-content\\\/uploads\\\/2021\\\/10\\\/Tembo-suites-Barcelona-27.jpg&quot;},{&quot;src&quot;:&quot;https:\\\/\\\/www.garciafaura.com\\\/wp-content\\\/uploads\\\/2021\\\/10\\\/Tembo-suites-Barcelona-26.jpg&quot;},{&quot;src&quot;:&quot;https:\\\/\\\/www.garciafaura.com\\\/wp-content\\\/uploads\\\/2021\\\/10\\\/Tembo-suites-Barcelona-25.jpg&quot;},{&quot;src&quot;:&quot;https:\\\/\\\/www.garciafaura.com\\\/wp-content\\\/uploads\\\/2021\\\/10\\\/Tembo-suites-Barcelona-24.jpg&quot;},{&quot;src&quot;:&quot;https:\\\/\\\/www.garciafaura.com\\\/wp-content\\\/uploads\\\/2021\\\/10\\\/Tembo-suites-Barcelona-23.jpg&quot;},{&quot;src&quot;:&quot;https:\\\/\\\/www.garciafaura.com\\\/wp-content\\\/uploads\\\/2021\\\/10\\\/Tembo-suites-Barcelona-22.jpg&quot;},{&quot;src&quot;:&quot;https:\\\/\\\/www.garciafaura.com\\\/wp-content\\\/uploads\\\/2021\\\/10\\\/Tembo-suites-Barcelona-21.jpg&quot;},{&quot;src&quot;:&quot;https:\\\/\\\/www.garciafaura.com\\\/wp-content\\\/uploads\\\/2021\\\/10\\\/Tembo-suites-Barcelona-20.jpg&quot;},{&quot;src&quot;:&quot;https:\\\/\\\/www.garciafaura.com\\\/wp-content\\\/uploads\\\/2021\\\/10\\\/Tembo-suites-Barcelona-19.jpg&quot;},{&quot;src&quot;:&quot;https:\\\/\\\/www.garciafaura.com\\\/wp-content\\\/uploads\\\/2021\\\/10\\\/Tembo-suites-Barcelona-18.jpg&quot;},{&quot;src&quot;:&quot;https:\\\/\\\/www.garciafaura.com\\\/wp-content\\\/uploads\\\/2021\\\/10\\\/Tembo-suites-Barcelona-17.jpg&quot;},{&quot;src&quot;:&quot;https:\\\/\\\/www.garciafaura.com\\\/wp-content\\\/uploads\\\/2021\\\/10\\\/Tembo-suites-Barcelona-16.jpg&quot;},{&quot;src&quot;:&quot;https:\\\/\\\/www.garciafaura.com\\\/wp-content\\\/uploads\\\/2021\\\/10\\\/Tembo-suites-Barcelona-15.jpg&quot;},{&quot;src&quot;:&quot;https:\\\/\\\/www.garciafaura.com\\\/wp-content\\\/uploads\\\/2021\\\/10\\\/Tembo-suites-Barcelona-14.jpg&quot;},{&quot;src&quot;:&quot;https:\\\/\\\/www.garciafaura.com\\\/wp-content\\\/uploads\\\/2021\\\/10\\\/Tembo-suites-Barcelona-13.jpg&quot;},{&quot;src&quot;:&quot;https:\\\/\\\/www.garciafaura.com\\\/wp-content\\\/uploads\\\/2021\\\/10\\\/Tembo-suites-Barcelona-12.jpg&quot;},{&quot;src&quot;:&quot;https:\\\/\\\/www.garciafaura.com\\\/wp-content\\\/uploads\\\/2021\\\/10\\\/Tembo-suites-Barcelona-11.jpg&quot;},{&quot;src&quot;:&quot;https:\\\/\\\/www.garciafaura.com\\\/wp-content\\\/uploads\\\/2021\\\/10\\\/Tembo-suites-Barcelona-10.jpg&quot;},{&quot;src&quot;:&quot;https:\\\/\\\/www.garciafaura.com\\\/wp-content\\\/uploads\\\/2021\\\/10\\\/Tembo-suites-Barcelona-09.jpg&quot;},{&quot;src&quot;:&quot;https:\\\/\\\/www.garciafaura.com\\\/wp-content\\\/uploads\\\/2021\\\/10\\\/Tembo-suites-Barcelona-08.jpg&quot;},{&quot;src&quot;:&quot;https:\\\/\\\/www.garciafaura.com\\\/wp-content\\\/uploads\\\/2021\\\/10\\\/Tembo-suites-Barcelona-07.jpg&quot;},{&quot;src&quot;:&quot;https:\\\/\\\/www.garciafaura.com\\\/wp-content\\\/uploads\\\/2021\\\/10\\\/Tembo-suites-Barcelona-06.jpg&quot;},{&quot;src&quot;:&quot;https:\\\/\\\/www.garciafaura.com\\\/wp-content\\\/uploads\\\/2021\\\/10\\\/Tembo-suites-Barcelona-05.jpg&quot;},{&quot;src&quot;:&quot;https:\\\/\\\/www.garciafaura.com\\\/wp-content\\\/uploads\\\/2021\\\/10\\\/Tembo-suites-Barcelona-04.jpg&quot;},{&quot;src&quot;:&quot;https:\\\/\\\/www.garciafaura.com\\\/wp-content\\\/uploads\\\/2021\\\/10\\\/Tembo-suites-Barcelona-03.jpg&quot;},{&quot;src&quot;:&quot;https:\\\/\\\/www.garciafaura.com\\\/wp-content\\\/uploads\\\/2021\\\/10\\\/Tembo-suites-Barcelona-02.jpg&quot;},{&quot;src&quot;:&quot;https:\\\/\\\/www.garciafaura.com\\\/wp-content\\\/uploads\\\/2021\\\/10\\\/Tembo-suites-Barcelona-01.jpg&quot;}]\"><img loading=\"lazy\" decoding=\"async\" width=\"1200\" height=\"628\" src=\"https:\/\/www.garciafaura.com\/wp-content\/uploads\/2021\/10\/Tembo-suites-Barcelona-51.jpg\" class=\"portfolio-entry-img skip-lazy\" alt=\"\" data-no-lazy=\"1\" srcset=\"https:\/\/www.garciafaura.com\/wp-content\/uploads\/2021\/10\/Tembo-suites-Barcelona-51.jpg 1200w, https:\/\/www.garciafaura.com\/wp-content\/uploads\/2021\/10\/Tembo-suites-Barcelona-51-300x157.jpg 300w, https:\/\/www.garciafaura.com\/wp-content\/uploads\/2021\/10\/Tembo-suites-Barcelona-51-1024x536.jpg 1024w, https:\/\/www.garciafaura.com\/wp-content\/uploads\/2021\/10\/Tembo-suites-Barcelona-51-768x402.jpg 768w\" sizes=\"auto, (max-width: 1200px) 100vw, 1200px\" \/><\/a><\/div><div class=\"portfolio-entry-details entry-details wpex-clr\"><h2 class=\"portfolio-entry-title entry-title\"><a href=\"https:\/\/www.garciafaura.com\/fr\/portfolio-item\/apartaments-tembo-suites\/\" title=\"Appartaments Tembo Suites\">Appartaments Tembo Suites<\/a><\/h2><div class=\"portfolio-entry-categories entry-categories wpex-clr\"><a href=\"https:\/\/www.garciafaura.com\/fr\/portfolio-category\/ensembles-residentiels\/\" class=\"term-77\">Ensembles r\u00e9sidentiels<\/a><\/div><\/div><\/div><\/div><div class=\"portfolio-entry vcex-grid-item entry-has-details span_1_of_3 col col-3 vcex-isotope-entry vcex-no-margin-entry post-28477 entry type-portfolio has-media cat-75 cat-92 cat-77 cat-91 translation_priority-5\"><div class=\"portfolio-entry-inner entry-inner wpex-clr\"><div class=\"portfolio-entry-media entry-media wpex-clr\"><a href=\"https:\/\/www.garciafaura.com\/wp-content\/uploads\/2021\/10\/Residencia-Valeo-13.jpg\" title=\"R\u00e9sidence \u00e9tudiante Valeo 22@\" class=\"portfolio-entry-media-link wpex-lightbox-gallery\" data-gallery=\"[{&quot;src&quot;:&quot;https:\\\/\\\/www.garciafaura.com\\\/wp-content\\\/uploads\\\/2021\\\/10\\\/Residencia-Valeo-1.jpg&quot;},{&quot;src&quot;:&quot;https:\\\/\\\/www.garciafaura.com\\\/wp-content\\\/uploads\\\/2021\\\/10\\\/Residencia-Valeo-19.jpg&quot;},{&quot;src&quot;:&quot;https:\\\/\\\/www.garciafaura.com\\\/wp-content\\\/uploads\\\/2021\\\/10\\\/Residencia-Valeo-18.jpg&quot;},{&quot;src&quot;:&quot;https:\\\/\\\/www.garciafaura.com\\\/wp-content\\\/uploads\\\/2021\\\/10\\\/Residencia-Valeo-17.jpg&quot;},{&quot;src&quot;:&quot;https:\\\/\\\/www.garciafaura.com\\\/wp-content\\\/uploads\\\/2021\\\/10\\\/Residencia-Valeo-16.jpg&quot;},{&quot;src&quot;:&quot;https:\\\/\\\/www.garciafaura.com\\\/wp-content\\\/uploads\\\/2021\\\/10\\\/Residencia-Valeo-15.jpg&quot;},{&quot;src&quot;:&quot;https:\\\/\\\/www.garciafaura.com\\\/wp-content\\\/uploads\\\/2021\\\/10\\\/Residencia-Valeo-14.jpg&quot;},{&quot;src&quot;:&quot;https:\\\/\\\/www.garciafaura.com\\\/wp-content\\\/uploads\\\/2021\\\/10\\\/Residencia-Valeo-13.jpg&quot;},{&quot;src&quot;:&quot;https:\\\/\\\/www.garciafaura.com\\\/wp-content\\\/uploads\\\/2021\\\/10\\\/Residencia-Valeo-12.jpg&quot;},{&quot;src&quot;:&quot;https:\\\/\\\/www.garciafaura.com\\\/wp-content\\\/uploads\\\/2021\\\/10\\\/Residencia-Valeo-11.jpg&quot;},{&quot;src&quot;:&quot;https:\\\/\\\/www.garciafaura.com\\\/wp-content\\\/uploads\\\/2021\\\/10\\\/Residencia-Valeo-10.jpg&quot;},{&quot;src&quot;:&quot;https:\\\/\\\/www.garciafaura.com\\\/wp-content\\\/uploads\\\/2021\\\/10\\\/Residencia-Valeo-9.jpg&quot;},{&quot;src&quot;:&quot;https:\\\/\\\/www.garciafaura.com\\\/wp-content\\\/uploads\\\/2021\\\/10\\\/Residencia-Valeo-8.jpg&quot;},{&quot;src&quot;:&quot;https:\\\/\\\/www.garciafaura.com\\\/wp-content\\\/uploads\\\/2021\\\/10\\\/Residencia-Valeo-7.jpg&quot;},{&quot;src&quot;:&quot;https:\\\/\\\/www.garciafaura.com\\\/wp-content\\\/uploads\\\/2021\\\/10\\\/Residencia-Valeo-6.jpg&quot;},{&quot;src&quot;:&quot;https:\\\/\\\/www.garciafaura.com\\\/wp-content\\\/uploads\\\/2021\\\/10\\\/Residencia-Valeo-5.jpg&quot;},{&quot;src&quot;:&quot;https:\\\/\\\/www.garciafaura.com\\\/wp-content\\\/uploads\\\/2021\\\/10\\\/Residencia-Valeo-4.jpg&quot;},{&quot;src&quot;:&quot;https:\\\/\\\/www.garciafaura.com\\\/wp-content\\\/uploads\\\/2021\\\/10\\\/Residencia-Valeo-3.jpg&quot;},{&quot;src&quot;:&quot;https:\\\/\\\/www.garciafaura.com\\\/wp-content\\\/uploads\\\/2021\\\/10\\\/Residencia-Valeo-2.jpg&quot;}]\"><img loading=\"lazy\" decoding=\"async\" width=\"1200\" height=\"628\" src=\"https:\/\/www.garciafaura.com\/wp-content\/uploads\/2021\/10\/Residencia-Valeo-13.jpg\" class=\"portfolio-entry-img skip-lazy\" alt=\"\" data-no-lazy=\"1\" srcset=\"https:\/\/www.garciafaura.com\/wp-content\/uploads\/2021\/10\/Residencia-Valeo-13.jpg 1200w, https:\/\/www.garciafaura.com\/wp-content\/uploads\/2021\/10\/Residencia-Valeo-13-300x157.jpg 300w, https:\/\/www.garciafaura.com\/wp-content\/uploads\/2021\/10\/Residencia-Valeo-13-1024x536.jpg 1024w, https:\/\/www.garciafaura.com\/wp-content\/uploads\/2021\/10\/Residencia-Valeo-13-768x402.jpg 768w, https:\/\/www.garciafaura.com\/wp-content\/uploads\/2021\/10\/Residencia-Valeo-13-600x314.jpg 600w\" sizes=\"auto, (max-width: 1200px) 100vw, 1200px\" \/><\/a><\/div><div class=\"portfolio-entry-details entry-details wpex-clr\"><h2 class=\"portfolio-entry-title entry-title\"><a href=\"https:\/\/www.garciafaura.com\/fr\/portfolio-item\/residencia-destudiants-valeo-22\/\" title=\"R\u00e9sidence \u00e9tudiante Valeo 22@\">R\u00e9sidence \u00e9tudiante Valeo 22@<\/a><\/h2><div class=\"portfolio-entry-categories entry-categories wpex-clr\"><a href=\"https:\/\/www.garciafaura.com\/fr\/portfolio-category\/batiments-de-services-remarquables\/\" class=\"term-92\">B\u00e2timents de Services Remarquables<\/a><\/div><\/div><\/div><\/div><div class=\"portfolio-entry vcex-grid-item entry-has-details span_1_of_3 col col-1 vcex-isotope-entry vcex-no-margin-entry post-28438 entry type-portfolio has-media cat-77 translation_priority-5\"><div class=\"portfolio-entry-inner entry-inner wpex-clr\"><div class=\"portfolio-entry-media entry-media wpex-clr\"><a href=\"https:\/\/www.garciafaura.com\/wp-content\/uploads\/2021\/10\/Alocs-Mataro\u0301-17.jpg\" title=\"Promotion Alocs Matar\u00f3\" class=\"portfolio-entry-media-link wpex-lightbox-gallery\" data-gallery=\"[{&quot;src&quot;:&quot;https:\\\/\\\/www.garciafaura.com\\\/wp-content\\\/uploads\\\/2021\\\/10\\\/Alocs-Mataro\\u0301-30.jpg&quot;,&quot;title&quot;:&quot;Alocs Matar\\u00f3 Garcia Faura&quot;},{&quot;src&quot;:&quot;https:\\\/\\\/www.garciafaura.com\\\/wp-content\\\/uploads\\\/2021\\\/10\\\/Alocs-Mataro\\u0301-29.jpg&quot;,&quot;title&quot;:&quot;Alocs Matar\\u00f3 Garcia Faura&quot;},{&quot;src&quot;:&quot;https:\\\/\\\/www.garciafaura.com\\\/wp-content\\\/uploads\\\/2021\\\/10\\\/Alocs-Mataro\\u0301-28.jpg&quot;,&quot;title&quot;:&quot;Alocs Matar\\u00f3 Garcia Faura&quot;},{&quot;src&quot;:&quot;https:\\\/\\\/www.garciafaura.com\\\/wp-content\\\/uploads\\\/2021\\\/10\\\/Alocs-Mataro\\u0301-27.jpg&quot;,&quot;title&quot;:&quot;Alocs Matar\\u00f3 Garcia Faura&quot;},{&quot;src&quot;:&quot;https:\\\/\\\/www.garciafaura.com\\\/wp-content\\\/uploads\\\/2021\\\/10\\\/Alocs-Mataro\\u0301-26.jpg&quot;,&quot;title&quot;:&quot;Alocs Matar\\u00f3 Garcia Faura&quot;},{&quot;src&quot;:&quot;https:\\\/\\\/www.garciafaura.com\\\/wp-content\\\/uploads\\\/2021\\\/10\\\/Alocs-Mataro\\u0301-25.jpg&quot;,&quot;title&quot;:&quot;Alocs Matar\\u00f3 Garcia Faura&quot;},{&quot;src&quot;:&quot;https:\\\/\\\/www.garciafaura.com\\\/wp-content\\\/uploads\\\/2021\\\/10\\\/Alocs-Mataro\\u0301-24.jpg&quot;,&quot;title&quot;:&quot;Alocs Matar\\u00f3 Garcia Faura&quot;},{&quot;src&quot;:&quot;https:\\\/\\\/www.garciafaura.com\\\/wp-content\\\/uploads\\\/2021\\\/10\\\/Alocs-Mataro\\u0301-23.jpg&quot;,&quot;title&quot;:&quot;Alocs Matar\\u00f3 Garcia Faura&quot;},{&quot;src&quot;:&quot;https:\\\/\\\/www.garciafaura.com\\\/wp-content\\\/uploads\\\/2021\\\/10\\\/Alocs-Mataro\\u0301-22.jpg&quot;,&quot;title&quot;:&quot;Alocs Matar\\u00f3 Garcia Faura&quot;},{&quot;src&quot;:&quot;https:\\\/\\\/www.garciafaura.com\\\/wp-content\\\/uploads\\\/2021\\\/10\\\/Alocs-Mataro\\u0301-21.jpg&quot;,&quot;title&quot;:&quot;Alocs Matar\\u00f3 Garcia Faura&quot;},{&quot;src&quot;:&quot;https:\\\/\\\/www.garciafaura.com\\\/wp-content\\\/uploads\\\/2021\\\/10\\\/Alocs-Mataro\\u0301-20.jpg&quot;,&quot;title&quot;:&quot;Alocs Matar\\u00f3 Garcia Faura&quot;},{&quot;src&quot;:&quot;https:\\\/\\\/www.garciafaura.com\\\/wp-content\\\/uploads\\\/2021\\\/10\\\/Alocs-Mataro\\u0301-19.jpg&quot;,&quot;title&quot;:&quot;Alocs Matar\\u00f3 Garcia Faura&quot;},{&quot;src&quot;:&quot;https:\\\/\\\/www.garciafaura.com\\\/wp-content\\\/uploads\\\/2021\\\/10\\\/Alocs-Mataro\\u0301-18.jpg&quot;,&quot;title&quot;:&quot;Alocs Matar\\u00f3 Garcia Faura&quot;},{&quot;src&quot;:&quot;https:\\\/\\\/www.garciafaura.com\\\/wp-content\\\/uploads\\\/2021\\\/10\\\/Alocs-Mataro\\u0301-17.jpg&quot;,&quot;title&quot;:&quot;Alocs Matar\\u00f3 Garcia Faura&quot;},{&quot;src&quot;:&quot;https:\\\/\\\/www.garciafaura.com\\\/wp-content\\\/uploads\\\/2021\\\/10\\\/Alocs-Mataro\\u0301-16.jpg&quot;,&quot;title&quot;:&quot;Alocs Matar\\u00f3 Garcia Faura&quot;},{&quot;src&quot;:&quot;https:\\\/\\\/www.garciafaura.com\\\/wp-content\\\/uploads\\\/2021\\\/10\\\/Alocs-Mataro\\u0301-15.jpg&quot;,&quot;title&quot;:&quot;Alocs Matar\\u00f3 Garcia Faura&quot;},{&quot;src&quot;:&quot;https:\\\/\\\/www.garciafaura.com\\\/wp-content\\\/uploads\\\/2021\\\/10\\\/Alocs-Mataro\\u0301-14.jpg&quot;,&quot;title&quot;:&quot;Alocs Matar\\u00f3 Garcia Faura&quot;},{&quot;src&quot;:&quot;https:\\\/\\\/www.garciafaura.com\\\/wp-content\\\/uploads\\\/2021\\\/10\\\/Alocs-Mataro\\u0301-13.jpg&quot;,&quot;title&quot;:&quot;Alocs Matar\\u00f3 Garcia Faura&quot;},{&quot;src&quot;:&quot;https:\\\/\\\/www.garciafaura.com\\\/wp-content\\\/uploads\\\/2021\\\/10\\\/Alocs-Mataro\\u0301-12.jpg&quot;,&quot;title&quot;:&quot;Alocs Matar\\u00f3 Garcia Faura&quot;},{&quot;src&quot;:&quot;https:\\\/\\\/www.garciafaura.com\\\/wp-content\\\/uploads\\\/2021\\\/10\\\/Alocs-Mataro\\u0301-11.jpg&quot;,&quot;title&quot;:&quot;Alocs Matar\\u00f3 Garcia Faura&quot;},{&quot;src&quot;:&quot;https:\\\/\\\/www.garciafaura.com\\\/wp-content\\\/uploads\\\/2021\\\/10\\\/Alocs-Mataro\\u0301-10.jpg&quot;,&quot;title&quot;:&quot;Alocs Matar\\u00f3 Garcia Faura&quot;},{&quot;src&quot;:&quot;https:\\\/\\\/www.garciafaura.com\\\/wp-content\\\/uploads\\\/2021\\\/10\\\/Alocs-Mataro\\u0301-09.jpg&quot;,&quot;title&quot;:&quot;Alocs Matar\\u00f3 Garcia Faura&quot;},{&quot;src&quot;:&quot;https:\\\/\\\/www.garciafaura.com\\\/wp-content\\\/uploads\\\/2021\\\/10\\\/Alocs-Mataro\\u0301-08.jpg&quot;,&quot;title&quot;:&quot;Alocs Matar\\u00f3 Garcia Faura&quot;},{&quot;src&quot;:&quot;https:\\\/\\\/www.garciafaura.com\\\/wp-content\\\/uploads\\\/2021\\\/10\\\/Alocs-Mataro\\u0301-07.jpg&quot;,&quot;title&quot;:&quot;Alocs Matar\\u00f3 Garcia Faura&quot;},{&quot;src&quot;:&quot;https:\\\/\\\/www.garciafaura.com\\\/wp-content\\\/uploads\\\/2021\\\/10\\\/Alocs-Mataro\\u0301-06.jpg&quot;,&quot;title&quot;:&quot;Alocs Matar\\u00f3 Garcia Faura&quot;},{&quot;src&quot;:&quot;https:\\\/\\\/www.garciafaura.com\\\/wp-content\\\/uploads\\\/2021\\\/10\\\/Alocs-Mataro\\u0301-05.jpg&quot;,&quot;title&quot;:&quot;Alocs Matar\\u00f3 Garcia Faura&quot;},{&quot;src&quot;:&quot;https:\\\/\\\/www.garciafaura.com\\\/wp-content\\\/uploads\\\/2021\\\/10\\\/Alocs-Mataro\\u0301-04.jpg&quot;,&quot;title&quot;:&quot;Alocs Matar\\u00f3 Garcia Faura&quot;},{&quot;src&quot;:&quot;https:\\\/\\\/www.garciafaura.com\\\/wp-content\\\/uploads\\\/2021\\\/10\\\/Alocs-Mataro\\u0301-03.jpg&quot;,&quot;title&quot;:&quot;Alocs Matar\\u00f3 Garcia Faura&quot;},{&quot;src&quot;:&quot;https:\\\/\\\/www.garciafaura.com\\\/wp-content\\\/uploads\\\/2021\\\/10\\\/Alocs-Mataro\\u0301-02.jpg&quot;,&quot;title&quot;:&quot;Alocs Matar\\u00f3 Garcia Faura&quot;},{&quot;src&quot;:&quot;https:\\\/\\\/www.garciafaura.com\\\/wp-content\\\/uploads\\\/2021\\\/10\\\/Alocs-Mataro\\u0301-01.jpg&quot;,&quot;title&quot;:&quot;Alocs Matar\\u00f3 Garcia Faura&quot;}]\"><img loading=\"lazy\" decoding=\"async\" width=\"1200\" height=\"628\" src=\"https:\/\/www.garciafaura.com\/wp-content\/uploads\/2021\/10\/Alocs-Mataro\u0301-17.jpg\" class=\"portfolio-entry-img skip-lazy\" alt=\"Alocs Matar\u00f3 Garcia Faura\" data-no-lazy=\"1\" srcset=\"https:\/\/www.garciafaura.com\/wp-content\/uploads\/2021\/10\/Alocs-Mataro\u0301-17.jpg 1200w, https:\/\/www.garciafaura.com\/wp-content\/uploads\/2021\/10\/Alocs-Mataro\u0301-17-300x157.jpg 300w, https:\/\/www.garciafaura.com\/wp-content\/uploads\/2021\/10\/Alocs-Mataro\u0301-17-1024x536.jpg 1024w, https:\/\/www.garciafaura.com\/wp-content\/uploads\/2021\/10\/Alocs-Mataro\u0301-17-768x402.jpg 768w\" sizes=\"auto, (max-width: 1200px) 100vw, 1200px\" \/><\/a><\/div><div class=\"portfolio-entry-details entry-details wpex-clr\"><h2 class=\"portfolio-entry-title entry-title\"><a href=\"https:\/\/www.garciafaura.com\/fr\/portfolio-item\/residencial-alocs-mataro\/\" title=\"Promotion Alocs Matar\u00f3\">Promotion Alocs Matar\u00f3<\/a><\/h2><div class=\"portfolio-entry-categories entry-categories wpex-clr\"><a href=\"https:\/\/www.garciafaura.com\/fr\/portfolio-category\/ensembles-residentiels\/\" class=\"term-77\">Ensembles r\u00e9sidentiels<\/a><\/div><\/div><\/div><\/div><div class=\"portfolio-entry vcex-grid-item entry-has-details span_1_of_3 col col-2 vcex-isotope-entry vcex-no-margin-entry post-23050 entry type-portfolio has-media cat-77 translation_priority-5\"><div class=\"portfolio-entry-inner entry-inner wpex-clr\"><div class=\"portfolio-entry-media entry-media wpex-clr\"><a href=\"https:\/\/www.garciafaura.com\/wp-content\/uploads\/2021\/08\/Promocio\u0301-Eolo-Sabadell-01.jpg\" title=\"Promotion Eolo Sabadell\" class=\"portfolio-entry-media-link wpex-lightbox-gallery\" data-gallery=\"[{&quot;src&quot;:&quot;https:\\\/\\\/www.garciafaura.com\\\/wp-content\\\/uploads\\\/2021\\\/08\\\/Promocio\\u0301-Eolo-Sabadell-13.jpg&quot;,&quot;title&quot;:&quot;Garcia Faura Eolo Sabadell&quot;},{&quot;src&quot;:&quot;https:\\\/\\\/www.garciafaura.com\\\/wp-content\\\/uploads\\\/2021\\\/08\\\/Promocio\\u0301-Eolo-Sabadell-12.jpg&quot;,&quot;title&quot;:&quot;Garcia Faura Eolo Sabadell&quot;},{&quot;src&quot;:&quot;https:\\\/\\\/www.garciafaura.com\\\/wp-content\\\/uploads\\\/2021\\\/08\\\/Promocio\\u0301-Eolo-Sabadell-11.jpg&quot;,&quot;title&quot;:&quot;Garcia Faura Eolo Sabadell&quot;},{&quot;src&quot;:&quot;https:\\\/\\\/www.garciafaura.com\\\/wp-content\\\/uploads\\\/2021\\\/08\\\/Promocio\\u0301-Eolo-Sabadell-10.jpg&quot;,&quot;title&quot;:&quot;Garcia Faura Eolo Sabadell&quot;},{&quot;src&quot;:&quot;https:\\\/\\\/www.garciafaura.com\\\/wp-content\\\/uploads\\\/2021\\\/08\\\/Promocio\\u0301-Eolo-Sabadell-09.jpg&quot;,&quot;title&quot;:&quot;Garcia Faura Eolo Sabadell&quot;},{&quot;src&quot;:&quot;https:\\\/\\\/www.garciafaura.com\\\/wp-content\\\/uploads\\\/2021\\\/08\\\/Promocio\\u0301-Eolo-Sabadell-08.jpg&quot;,&quot;title&quot;:&quot;Garcia Faura Eolo Sabadell&quot;},{&quot;src&quot;:&quot;https:\\\/\\\/www.garciafaura.com\\\/wp-content\\\/uploads\\\/2021\\\/08\\\/Promocio\\u0301-Eolo-Sabadell-07.jpg&quot;,&quot;title&quot;:&quot;Garcia Faura Eolo Sabadell&quot;},{&quot;src&quot;:&quot;https:\\\/\\\/www.garciafaura.com\\\/wp-content\\\/uploads\\\/2021\\\/08\\\/Promocio\\u0301-Eolo-Sabadell-06.jpg&quot;,&quot;title&quot;:&quot;Garcia Faura Eolo Sabadell&quot;},{&quot;src&quot;:&quot;https:\\\/\\\/www.garciafaura.com\\\/wp-content\\\/uploads\\\/2021\\\/08\\\/Promocio\\u0301-Eolo-Sabadell-05.jpg&quot;,&quot;title&quot;:&quot;Garcia Faura Eolo Sabadell&quot;},{&quot;src&quot;:&quot;https:\\\/\\\/www.garciafaura.com\\\/wp-content\\\/uploads\\\/2021\\\/08\\\/Promocio\\u0301-Eolo-Sabadell-04.jpg&quot;,&quot;title&quot;:&quot;Garcia Faura Eolo Sabadell&quot;},{&quot;src&quot;:&quot;https:\\\/\\\/www.garciafaura.com\\\/wp-content\\\/uploads\\\/2021\\\/08\\\/Promocio\\u0301-Eolo-Sabadell-03.jpg&quot;,&quot;title&quot;:&quot;Garcia Faura Eolo Sabadell&quot;},{&quot;src&quot;:&quot;https:\\\/\\\/www.garciafaura.com\\\/wp-content\\\/uploads\\\/2021\\\/08\\\/Promocio\\u0301-Eolo-Sabadell-02.jpg&quot;,&quot;title&quot;:&quot;Garcia Faura Eolo Sabadell&quot;},{&quot;src&quot;:&quot;https:\\\/\\\/www.garciafaura.com\\\/wp-content\\\/uploads\\\/2021\\\/08\\\/Promocio\\u0301-Eolo-Sabadell-01.jpg&quot;,&quot;title&quot;:&quot;Garcia Faura Eolo Sabadell&quot;}]\"><img loading=\"lazy\" decoding=\"async\" width=\"1200\" height=\"628\" src=\"https:\/\/www.garciafaura.com\/wp-content\/uploads\/2021\/08\/Promocio\u0301-Eolo-Sabadell-01.jpg\" class=\"portfolio-entry-img skip-lazy\" alt=\"Garcia Faura Eolo Sabadell\" data-no-lazy=\"1\" srcset=\"https:\/\/www.garciafaura.com\/wp-content\/uploads\/2021\/08\/Promocio\u0301-Eolo-Sabadell-01.jpg 1200w, https:\/\/www.garciafaura.com\/wp-content\/uploads\/2021\/08\/Promocio\u0301-Eolo-Sabadell-01-300x157.jpg 300w, https:\/\/www.garciafaura.com\/wp-content\/uploads\/2021\/08\/Promocio\u0301-Eolo-Sabadell-01-768x402.jpg 768w, https:\/\/www.garciafaura.com\/wp-content\/uploads\/2021\/08\/Promocio\u0301-Eolo-Sabadell-01-1024x536.jpg 1024w\" sizes=\"auto, (max-width: 1200px) 100vw, 1200px\" \/><\/a><\/div><div class=\"portfolio-entry-details entry-details wpex-clr\"><h2 class=\"portfolio-entry-title entry-title\"><a href=\"https:\/\/www.garciafaura.com\/fr\/portfolio-item\/promotion-eolo-sabadell\/\" title=\"Promotion Eolo Sabadell\">Promotion Eolo Sabadell<\/a><\/h2><div class=\"portfolio-entry-categories entry-categories wpex-clr\"><a href=\"https:\/\/www.garciafaura.com\/fr\/portfolio-category\/ensembles-residentiels\/\" class=\"term-77\">Ensembles r\u00e9sidentiels<\/a><\/div><\/div><\/div><\/div><div class=\"portfolio-entry vcex-grid-item entry-has-details span_1_of_3 col col-3 vcex-isotope-entry vcex-no-margin-entry post-23089 entry type-portfolio has-media cat-77 translation_priority-5\"><div class=\"portfolio-entry-inner entry-inner wpex-clr\"><div class=\"portfolio-entry-media entry-media wpex-clr\"><a href=\"https:\/\/www.garciafaura.com\/wp-content\/uploads\/2019\/09\/Promocio\u0301-Esse\u0300ncia-Sabadell-01.jpg\" title=\"R\u00e9sidentiel Ess\u00e8ncia Sabadell\" class=\"portfolio-entry-media-link wpex-lightbox-gallery\" data-gallery=\"[{&quot;src&quot;:&quot;https:\\\/\\\/www.garciafaura.com\\\/wp-content\\\/uploads\\\/2019\\\/09\\\/Promocio\\u0301-Esse\\u0300ncia-Sabadell-01.jpg&quot;,&quot;title&quot;:&quot;Ess\\u00e8ncia Sabadell Garcia Faura&quot;},{&quot;src&quot;:&quot;https:\\\/\\\/www.garciafaura.com\\\/wp-content\\\/uploads\\\/2019\\\/09\\\/Promocio\\u0301-Esse\\u0300ncia-Sabadell-13.jpg&quot;,&quot;title&quot;:&quot;Ess\\u00e8ncia Sabadell Garcia Faura&quot;},{&quot;src&quot;:&quot;https:\\\/\\\/www.garciafaura.com\\\/wp-content\\\/uploads\\\/2019\\\/09\\\/Promocio\\u0301-Esse\\u0300ncia-Sabadell-12.jpg&quot;,&quot;title&quot;:&quot;Ess\\u00e8ncia Sabadell Garcia Faura&quot;},{&quot;src&quot;:&quot;https:\\\/\\\/www.garciafaura.com\\\/wp-content\\\/uploads\\\/2019\\\/09\\\/Promocio\\u0301-Esse\\u0300ncia-Sabadell-11.jpg&quot;,&quot;title&quot;:&quot;Ess\\u00e8ncia Sabadell Garcia Faura&quot;},{&quot;src&quot;:&quot;https:\\\/\\\/www.garciafaura.com\\\/wp-content\\\/uploads\\\/2019\\\/09\\\/Promocio\\u0301-Esse\\u0300ncia-Sabadell-10.jpg&quot;,&quot;title&quot;:&quot;Ess\\u00e8ncia Sabadell Garcia Faura&quot;},{&quot;src&quot;:&quot;https:\\\/\\\/www.garciafaura.com\\\/wp-content\\\/uploads\\\/2019\\\/09\\\/Promocio\\u0301-Esse\\u0300ncia-Sabadell-09.jpg&quot;,&quot;title&quot;:&quot;Ess\\u00e8ncia Sabadell Garcia Faura&quot;},{&quot;src&quot;:&quot;https:\\\/\\\/www.garciafaura.com\\\/wp-content\\\/uploads\\\/2019\\\/09\\\/Promocio\\u0301-Esse\\u0300ncia-Sabadell-08.jpg&quot;,&quot;title&quot;:&quot;Ess\\u00e8ncia Sabadell Garcia Faura&quot;},{&quot;src&quot;:&quot;https:\\\/\\\/www.garciafaura.com\\\/wp-content\\\/uploads\\\/2019\\\/09\\\/Promocio\\u0301-Esse\\u0300ncia-Sabadell-07.jpg&quot;,&quot;title&quot;:&quot;Ess\\u00e8ncia Sabadell Garcia Faura&quot;},{&quot;src&quot;:&quot;https:\\\/\\\/www.garciafaura.com\\\/wp-content\\\/uploads\\\/2019\\\/09\\\/Promocio\\u0301-Esse\\u0300ncia-Sabadell-06.jpg&quot;,&quot;title&quot;:&quot;Ess\\u00e8ncia Sabadell Garcia Faura&quot;},{&quot;src&quot;:&quot;https:\\\/\\\/www.garciafaura.com\\\/wp-content\\\/uploads\\\/2019\\\/09\\\/Promocio\\u0301-Esse\\u0300ncia-Sabadell-05.jpg&quot;,&quot;title&quot;:&quot;Ess\\u00e8ncia Sabadell Garcia Faura&quot;},{&quot;src&quot;:&quot;https:\\\/\\\/www.garciafaura.com\\\/wp-content\\\/uploads\\\/2019\\\/09\\\/Promocio\\u0301-Esse\\u0300ncia-Sabadell-04.jpg&quot;,&quot;title&quot;:&quot;Ess\\u00e8ncia Sabadell Garcia Faura&quot;},{&quot;src&quot;:&quot;https:\\\/\\\/www.garciafaura.com\\\/wp-content\\\/uploads\\\/2019\\\/09\\\/Promocio\\u0301-Esse\\u0300ncia-Sabadell-03.jpg&quot;,&quot;title&quot;:&quot;Ess\\u00e8ncia Sabadell Garcia Faura&quot;},{&quot;src&quot;:&quot;https:\\\/\\\/www.garciafaura.com\\\/wp-content\\\/uploads\\\/2019\\\/09\\\/Promocio\\u0301-Esse\\u0300ncia-Sabadell-02.jpg&quot;,&quot;title&quot;:&quot;Ess\\u00e8ncia Sabadell Garcia Faura&quot;}]\"><img loading=\"lazy\" decoding=\"async\" width=\"1200\" height=\"628\" src=\"https:\/\/www.garciafaura.com\/wp-content\/uploads\/2019\/09\/Promocio\u0301-Esse\u0300ncia-Sabadell-01.jpg\" class=\"portfolio-entry-img skip-lazy\" alt=\"Ess\u00e8ncia Sabadell Garcia Faura\" data-no-lazy=\"1\" srcset=\"https:\/\/www.garciafaura.com\/wp-content\/uploads\/2019\/09\/Promocio\u0301-Esse\u0300ncia-Sabadell-01.jpg 1200w, https:\/\/www.garciafaura.com\/wp-content\/uploads\/2019\/09\/Promocio\u0301-Esse\u0300ncia-Sabadell-01-300x157.jpg 300w, https:\/\/www.garciafaura.com\/wp-content\/uploads\/2019\/09\/Promocio\u0301-Esse\u0300ncia-Sabadell-01-768x402.jpg 768w, https:\/\/www.garciafaura.com\/wp-content\/uploads\/2019\/09\/Promocio\u0301-Esse\u0300ncia-Sabadell-01-1024x536.jpg 1024w\" sizes=\"auto, (max-width: 1200px) 100vw, 1200px\" \/><\/a><\/div><div class=\"portfolio-entry-details entry-details wpex-clr\"><h2 class=\"portfolio-entry-title entry-title\"><a href=\"https:\/\/www.garciafaura.com\/fr\/portfolio-item\/residentiel-essencia-sabadell\/\" title=\"R\u00e9sidentiel Ess\u00e8ncia Sabadell\">R\u00e9sidentiel Ess\u00e8ncia Sabadell<\/a><\/h2><div class=\"portfolio-entry-categories entry-categories wpex-clr\"><a href=\"https:\/\/www.garciafaura.com\/fr\/portfolio-category\/ensembles-residentiels\/\" class=\"term-77\">Ensembles r\u00e9sidentiels<\/a><\/div><\/div><\/div><\/div><div class=\"portfolio-entry vcex-grid-item entry-has-details span_1_of_3 col col-1 vcex-isotope-entry vcex-no-margin-entry post-27542 entry type-portfolio has-media cat-77 cat-91 translation_priority-5\"><div class=\"portfolio-entry-inner entry-inner wpex-clr\"><div class=\"portfolio-entry-media entry-media wpex-clr\"><a href=\"https:\/\/www.garciafaura.com\/wp-content\/uploads\/2021\/06\/Kube-Tarragona-20.jpg\" title=\"B\u00e2timent r\u00e9sidentiel The Kube\" class=\"portfolio-entry-media-link wpex-lightbox-gallery\" data-gallery=\"[{&quot;src&quot;:&quot;https:\\\/\\\/www.garciafaura.com\\\/wp-content\\\/uploads\\\/2021\\\/06\\\/Kube-Tarragona-20.jpg&quot;},{&quot;src&quot;:&quot;https:\\\/\\\/www.garciafaura.com\\\/wp-content\\\/uploads\\\/2021\\\/06\\\/Kube-Tarragona-01.jpg&quot;},{&quot;src&quot;:&quot;https:\\\/\\\/www.garciafaura.com\\\/wp-content\\\/uploads\\\/2021\\\/06\\\/Kube-Tarragona-42.jpg&quot;},{&quot;src&quot;:&quot;https:\\\/\\\/www.garciafaura.com\\\/wp-content\\\/uploads\\\/2021\\\/06\\\/Kube-Tarragona-41.jpg&quot;},{&quot;src&quot;:&quot;https:\\\/\\\/www.garciafaura.com\\\/wp-content\\\/uploads\\\/2021\\\/06\\\/Kube-Tarragona-40.jpg&quot;},{&quot;src&quot;:&quot;https:\\\/\\\/www.garciafaura.com\\\/wp-content\\\/uploads\\\/2021\\\/06\\\/Kube-Tarragona-39.jpg&quot;},{&quot;src&quot;:&quot;https:\\\/\\\/www.garciafaura.com\\\/wp-content\\\/uploads\\\/2021\\\/06\\\/Kube-Tarragona-38.jpg&quot;},{&quot;src&quot;:&quot;https:\\\/\\\/www.garciafaura.com\\\/wp-content\\\/uploads\\\/2021\\\/06\\\/Kube-Tarragona-37.jpg&quot;},{&quot;src&quot;:&quot;https:\\\/\\\/www.garciafaura.com\\\/wp-content\\\/uploads\\\/2021\\\/06\\\/Kube-Tarragona-36.jpg&quot;},{&quot;src&quot;:&quot;https:\\\/\\\/www.garciafaura.com\\\/wp-content\\\/uploads\\\/2021\\\/06\\\/Kube-Tarragona-35.jpg&quot;},{&quot;src&quot;:&quot;https:\\\/\\\/www.garciafaura.com\\\/wp-content\\\/uploads\\\/2021\\\/06\\\/Kube-Tarragona-34.jpg&quot;},{&quot;src&quot;:&quot;https:\\\/\\\/www.garciafaura.com\\\/wp-content\\\/uploads\\\/2021\\\/06\\\/Kube-Tarragona-33.jpg&quot;},{&quot;src&quot;:&quot;https:\\\/\\\/www.garciafaura.com\\\/wp-content\\\/uploads\\\/2021\\\/06\\\/Kube-Tarragona-32.jpg&quot;},{&quot;src&quot;:&quot;https:\\\/\\\/www.garciafaura.com\\\/wp-content\\\/uploads\\\/2021\\\/06\\\/Kube-Tarragona-31.jpg&quot;},{&quot;src&quot;:&quot;https:\\\/\\\/www.garciafaura.com\\\/wp-content\\\/uploads\\\/2021\\\/06\\\/Kube-Tarragona-30.jpg&quot;},{&quot;src&quot;:&quot;https:\\\/\\\/www.garciafaura.com\\\/wp-content\\\/uploads\\\/2021\\\/06\\\/Kube-Tarragona-29.jpg&quot;},{&quot;src&quot;:&quot;https:\\\/\\\/www.garciafaura.com\\\/wp-content\\\/uploads\\\/2021\\\/06\\\/Kube-Tarragona-28.jpg&quot;},{&quot;src&quot;:&quot;https:\\\/\\\/www.garciafaura.com\\\/wp-content\\\/uploads\\\/2021\\\/06\\\/Kube-Tarragona-27.jpg&quot;},{&quot;src&quot;:&quot;https:\\\/\\\/www.garciafaura.com\\\/wp-content\\\/uploads\\\/2021\\\/06\\\/Kube-Tarragona-26.jpg&quot;},{&quot;src&quot;:&quot;https:\\\/\\\/www.garciafaura.com\\\/wp-content\\\/uploads\\\/2021\\\/06\\\/Kube-Tarragona-25.jpg&quot;},{&quot;src&quot;:&quot;https:\\\/\\\/www.garciafaura.com\\\/wp-content\\\/uploads\\\/2021\\\/06\\\/Kube-Tarragona-24.jpg&quot;},{&quot;src&quot;:&quot;https:\\\/\\\/www.garciafaura.com\\\/wp-content\\\/uploads\\\/2021\\\/06\\\/Kube-Tarragona-23.jpg&quot;},{&quot;src&quot;:&quot;https:\\\/\\\/www.garciafaura.com\\\/wp-content\\\/uploads\\\/2021\\\/06\\\/Kube-Tarragona-22.jpg&quot;},{&quot;src&quot;:&quot;https:\\\/\\\/www.garciafaura.com\\\/wp-content\\\/uploads\\\/2021\\\/06\\\/Kube-Tarragona-21.jpg&quot;},{&quot;src&quot;:&quot;https:\\\/\\\/www.garciafaura.com\\\/wp-content\\\/uploads\\\/2021\\\/06\\\/Kube-Tarragona-19.jpg&quot;},{&quot;src&quot;:&quot;https:\\\/\\\/www.garciafaura.com\\\/wp-content\\\/uploads\\\/2021\\\/06\\\/Kube-Tarragona-18.jpg&quot;},{&quot;src&quot;:&quot;https:\\\/\\\/www.garciafaura.com\\\/wp-content\\\/uploads\\\/2021\\\/06\\\/Kube-Tarragona-17.jpg&quot;},{&quot;src&quot;:&quot;https:\\\/\\\/www.garciafaura.com\\\/wp-content\\\/uploads\\\/2021\\\/06\\\/Kube-Tarragona-16.jpg&quot;},{&quot;src&quot;:&quot;https:\\\/\\\/www.garciafaura.com\\\/wp-content\\\/uploads\\\/2021\\\/06\\\/Kube-Tarragona-15.jpg&quot;},{&quot;src&quot;:&quot;https:\\\/\\\/www.garciafaura.com\\\/wp-content\\\/uploads\\\/2021\\\/06\\\/Kube-Tarragona-14.jpg&quot;},{&quot;src&quot;:&quot;https:\\\/\\\/www.garciafaura.com\\\/wp-content\\\/uploads\\\/2021\\\/06\\\/Kube-Tarragona-13.jpg&quot;},{&quot;src&quot;:&quot;https:\\\/\\\/www.garciafaura.com\\\/wp-content\\\/uploads\\\/2021\\\/06\\\/Kube-Tarragona-12.jpg&quot;},{&quot;src&quot;:&quot;https:\\\/\\\/www.garciafaura.com\\\/wp-content\\\/uploads\\\/2021\\\/06\\\/Kube-Tarragona-11.jpg&quot;},{&quot;src&quot;:&quot;https:\\\/\\\/www.garciafaura.com\\\/wp-content\\\/uploads\\\/2021\\\/06\\\/Kube-Tarragona-10.jpg&quot;},{&quot;src&quot;:&quot;https:\\\/\\\/www.garciafaura.com\\\/wp-content\\\/uploads\\\/2021\\\/06\\\/Kube-Tarragona-09.jpg&quot;},{&quot;src&quot;:&quot;https:\\\/\\\/www.garciafaura.com\\\/wp-content\\\/uploads\\\/2021\\\/06\\\/Kube-Tarragona-08.jpg&quot;},{&quot;src&quot;:&quot;https:\\\/\\\/www.garciafaura.com\\\/wp-content\\\/uploads\\\/2021\\\/06\\\/Kube-Tarragona-07.jpg&quot;},{&quot;src&quot;:&quot;https:\\\/\\\/www.garciafaura.com\\\/wp-content\\\/uploads\\\/2021\\\/06\\\/Kube-Tarragona-06.jpg&quot;},{&quot;src&quot;:&quot;https:\\\/\\\/www.garciafaura.com\\\/wp-content\\\/uploads\\\/2021\\\/06\\\/Kube-Tarragona-05.jpg&quot;},{&quot;src&quot;:&quot;https:\\\/\\\/www.garciafaura.com\\\/wp-content\\\/uploads\\\/2021\\\/06\\\/Kube-Tarragona-04.jpg&quot;},{&quot;src&quot;:&quot;https:\\\/\\\/www.garciafaura.com\\\/wp-content\\\/uploads\\\/2021\\\/06\\\/Kube-Tarragona-03.jpg&quot;},{&quot;src&quot;:&quot;https:\\\/\\\/www.garciafaura.com\\\/wp-content\\\/uploads\\\/2021\\\/06\\\/Kube-Tarragona-02.jpg&quot;}]\"><img loading=\"lazy\" decoding=\"async\" width=\"1200\" height=\"628\" src=\"https:\/\/www.garciafaura.com\/wp-content\/uploads\/2021\/06\/Kube-Tarragona-20.jpg\" class=\"portfolio-entry-img skip-lazy\" alt=\"\" data-no-lazy=\"1\" srcset=\"https:\/\/www.garciafaura.com\/wp-content\/uploads\/2021\/06\/Kube-Tarragona-20.jpg 1200w, https:\/\/www.garciafaura.com\/wp-content\/uploads\/2021\/06\/Kube-Tarragona-20-300x157.jpg 300w, https:\/\/www.garciafaura.com\/wp-content\/uploads\/2021\/06\/Kube-Tarragona-20-1024x536.jpg 1024w, https:\/\/www.garciafaura.com\/wp-content\/uploads\/2021\/06\/Kube-Tarragona-20-768x402.jpg 768w\" sizes=\"auto, (max-width: 1200px) 100vw, 1200px\" \/><\/a><\/div><div class=\"portfolio-entry-details entry-details wpex-clr\"><h2 class=\"portfolio-entry-title entry-title\"><a href=\"https:\/\/www.garciafaura.com\/fr\/portfolio-item\/residencial-the-kube\/\" title=\"B\u00e2timent r\u00e9sidentiel The Kube\">B\u00e2timent r\u00e9sidentiel The Kube<\/a><\/h2><div class=\"portfolio-entry-categories entry-categories wpex-clr\"><a href=\"https:\/\/www.garciafaura.com\/fr\/portfolio-category\/ensembles-residentiels\/\" class=\"term-77\">Ensembles r\u00e9sidentiels<\/a><\/div><\/div><\/div><\/div><div class=\"portfolio-entry vcex-grid-item entry-has-details span_1_of_3 col col-2 vcex-isotope-entry vcex-no-margin-entry post-26161 entry type-portfolio has-media cat-77 translation_priority-5\"><div class=\"portfolio-entry-inner entry-inner wpex-clr\"><div class=\"portfolio-entry-media entry-media wpex-clr\"><a href=\"https:\/\/www.garciafaura.com\/wp-content\/uploads\/2020\/11\/MTP02717.jpg\" title=\"R\u00e9sidentiel Casagemes Badalona\" class=\"portfolio-entry-media-link wpex-lightbox-gallery\" data-gallery=\"[{&quot;src&quot;:&quot;https:\\\/\\\/www.garciafaura.com\\\/wp-content\\\/uploads\\\/2020\\\/11\\\/MTP02717.jpg&quot;,&quot;title&quot;:&quot;Casagemes Badalona Garcia Faura&quot;},{&quot;src&quot;:&quot;https:\\\/\\\/www.garciafaura.com\\\/wp-content\\\/uploads\\\/2020\\\/11\\\/MTP02728.jpg&quot;,&quot;title&quot;:&quot;Casagemes Badalona Garcia Faura&quot;},{&quot;src&quot;:&quot;https:\\\/\\\/www.garciafaura.com\\\/wp-content\\\/uploads\\\/2020\\\/11\\\/MTP02723.jpg&quot;,&quot;title&quot;:&quot;Casagemes Badalona Garcia Faura&quot;},{&quot;src&quot;:&quot;https:\\\/\\\/www.garciafaura.com\\\/wp-content\\\/uploads\\\/2020\\\/11\\\/MTP02710.jpg&quot;,&quot;title&quot;:&quot;Casagemes Badalona Garcia Faura&quot;},{&quot;src&quot;:&quot;https:\\\/\\\/www.garciafaura.com\\\/wp-content\\\/uploads\\\/2020\\\/11\\\/MTP02704.jpg&quot;,&quot;title&quot;:&quot;Casagemes Badalona Garcia Faura&quot;},{&quot;src&quot;:&quot;https:\\\/\\\/www.garciafaura.com\\\/wp-content\\\/uploads\\\/2020\\\/11\\\/MTP02694.jpg&quot;,&quot;title&quot;:&quot;Casagemes Badalona Garcia Faura&quot;},{&quot;src&quot;:&quot;https:\\\/\\\/www.garciafaura.com\\\/wp-content\\\/uploads\\\/2020\\\/11\\\/MTP02688.jpg&quot;,&quot;title&quot;:&quot;Casagemes Badalona Garcia Faura&quot;},{&quot;src&quot;:&quot;https:\\\/\\\/www.garciafaura.com\\\/wp-content\\\/uploads\\\/2020\\\/11\\\/MTP02682.jpg&quot;,&quot;title&quot;:&quot;Casagemes Badalona Garcia Faura&quot;},{&quot;src&quot;:&quot;https:\\\/\\\/www.garciafaura.com\\\/wp-content\\\/uploads\\\/2020\\\/11\\\/MTP02681.jpg&quot;,&quot;title&quot;:&quot;Casagemes Badalona Garcia Faura&quot;},{&quot;src&quot;:&quot;https:\\\/\\\/www.garciafaura.com\\\/wp-content\\\/uploads\\\/2020\\\/11\\\/MTP02679.jpg&quot;,&quot;title&quot;:&quot;Casagemes Badalona Garcia Faura&quot;},{&quot;src&quot;:&quot;https:\\\/\\\/www.garciafaura.com\\\/wp-content\\\/uploads\\\/2020\\\/11\\\/MTP02674.jpg&quot;,&quot;title&quot;:&quot;Casagemes Badalona Garcia Faura&quot;},{&quot;src&quot;:&quot;https:\\\/\\\/www.garciafaura.com\\\/wp-content\\\/uploads\\\/2020\\\/11\\\/MTP02665.jpg&quot;,&quot;title&quot;:&quot;Casagemes Badalona Garcia Faura&quot;},{&quot;src&quot;:&quot;https:\\\/\\\/www.garciafaura.com\\\/wp-content\\\/uploads\\\/2020\\\/11\\\/MTP02663.jpg&quot;,&quot;title&quot;:&quot;Casagemes Badalona Garcia Faura&quot;},{&quot;src&quot;:&quot;https:\\\/\\\/www.garciafaura.com\\\/wp-content\\\/uploads\\\/2020\\\/11\\\/MTP02661.jpg&quot;,&quot;title&quot;:&quot;Casagemes Badalona Garcia Faura&quot;},{&quot;src&quot;:&quot;https:\\\/\\\/www.garciafaura.com\\\/wp-content\\\/uploads\\\/2020\\\/11\\\/MTP02655.jpg&quot;,&quot;title&quot;:&quot;Casagemes Badalona Garcia Faura&quot;}]\"><img loading=\"lazy\" decoding=\"async\" width=\"1200\" height=\"628\" src=\"https:\/\/www.garciafaura.com\/wp-content\/uploads\/2020\/11\/MTP02717.jpg\" class=\"portfolio-entry-img skip-lazy\" alt=\"Casagemes Badalona Garcia Faura\" data-no-lazy=\"1\" srcset=\"https:\/\/www.garciafaura.com\/wp-content\/uploads\/2020\/11\/MTP02717.jpg 1200w, https:\/\/www.garciafaura.com\/wp-content\/uploads\/2020\/11\/MTP02717-300x157.jpg 300w, https:\/\/www.garciafaura.com\/wp-content\/uploads\/2020\/11\/MTP02717-1024x536.jpg 1024w, https:\/\/www.garciafaura.com\/wp-content\/uploads\/2020\/11\/MTP02717-768x402.jpg 768w\" sizes=\"auto, (max-width: 1200px) 100vw, 1200px\" \/><\/a><\/div><div class=\"portfolio-entry-details entry-details wpex-clr\"><h2 class=\"portfolio-entry-title entry-title\"><a href=\"https:\/\/www.garciafaura.com\/fr\/portfolio-item\/residencial-casagemes\/\" title=\"R\u00e9sidentiel Casagemes Badalona\">R\u00e9sidentiel Casagemes Badalona<\/a><\/h2><div class=\"portfolio-entry-categories entry-categories wpex-clr\"><a href=\"https:\/\/www.garciafaura.com\/fr\/portfolio-category\/ensembles-residentiels\/\" class=\"term-77\">Ensembles r\u00e9sidentiels<\/a><\/div><\/div><\/div><\/div><div class=\"portfolio-entry vcex-grid-item entry-has-details span_1_of_3 col col-3 vcex-isotope-entry vcex-no-margin-entry post-25932 entry type-portfolio has-media cat-77 translation_priority-5\"><div class=\"portfolio-entry-inner entry-inner wpex-clr\"><div class=\"portfolio-entry-media entry-media wpex-clr\"><a href=\"https:\/\/www.garciafaura.com\/wp-content\/uploads\/2020\/08\/Residencial-Ernest-Lluch-Mataro\u0301-01.jpg\" title=\"R\u00e9sidentiel Ernest Lluch Matar\u00f3\" class=\"portfolio-entry-media-link wpex-lightbox-gallery\" data-gallery=\"[{&quot;src&quot;:&quot;https:\\\/\\\/www.garciafaura.com\\\/wp-content\\\/uploads\\\/2020\\\/08\\\/Residencial-Ernest-Lluch-Mataro\\u0301-01.jpg&quot;},{&quot;src&quot;:&quot;https:\\\/\\\/www.garciafaura.com\\\/wp-content\\\/uploads\\\/2020\\\/08\\\/Residencial-Ernest-Lluch-Mataro\\u0301-11.jpg&quot;},{&quot;src&quot;:&quot;https:\\\/\\\/www.garciafaura.com\\\/wp-content\\\/uploads\\\/2020\\\/08\\\/Residencial-Ernest-Lluch-Mataro\\u0301-10.jpg&quot;},{&quot;src&quot;:&quot;https:\\\/\\\/www.garciafaura.com\\\/wp-content\\\/uploads\\\/2020\\\/08\\\/Residencial-Ernest-Lluch-Mataro\\u0301-09.jpg&quot;},{&quot;src&quot;:&quot;https:\\\/\\\/www.garciafaura.com\\\/wp-content\\\/uploads\\\/2020\\\/08\\\/Residencial-Ernest-Lluch-Mataro\\u0301-08.jpg&quot;},{&quot;src&quot;:&quot;https:\\\/\\\/www.garciafaura.com\\\/wp-content\\\/uploads\\\/2020\\\/08\\\/Residencial-Ernest-Lluch-Mataro\\u0301-07.jpg&quot;},{&quot;src&quot;:&quot;https:\\\/\\\/www.garciafaura.com\\\/wp-content\\\/uploads\\\/2020\\\/08\\\/Residencial-Ernest-Lluch-Mataro\\u0301-06.jpg&quot;},{&quot;src&quot;:&quot;https:\\\/\\\/www.garciafaura.com\\\/wp-content\\\/uploads\\\/2020\\\/08\\\/Residencial-Ernest-Lluch-Mataro\\u0301-05.jpg&quot;},{&quot;src&quot;:&quot;https:\\\/\\\/www.garciafaura.com\\\/wp-content\\\/uploads\\\/2020\\\/08\\\/Residencial-Ernest-Lluch-Mataro\\u0301-04.jpg&quot;},{&quot;src&quot;:&quot;https:\\\/\\\/www.garciafaura.com\\\/wp-content\\\/uploads\\\/2020\\\/08\\\/Residencial-Ernest-Lluch-Mataro\\u0301-03.jpg&quot;},{&quot;src&quot;:&quot;https:\\\/\\\/www.garciafaura.com\\\/wp-content\\\/uploads\\\/2020\\\/08\\\/Residencial-Ernest-Lluch-Mataro\\u0301-02.jpg&quot;}]\"><img loading=\"lazy\" decoding=\"async\" width=\"1200\" height=\"628\" src=\"https:\/\/www.garciafaura.com\/wp-content\/uploads\/2020\/08\/Residencial-Ernest-Lluch-Mataro\u0301-01.jpg\" class=\"portfolio-entry-img skip-lazy\" alt=\"\" data-no-lazy=\"1\" srcset=\"https:\/\/www.garciafaura.com\/wp-content\/uploads\/2020\/08\/Residencial-Ernest-Lluch-Mataro\u0301-01.jpg 1200w, https:\/\/www.garciafaura.com\/wp-content\/uploads\/2020\/08\/Residencial-Ernest-Lluch-Mataro\u0301-01-300x157.jpg 300w, https:\/\/www.garciafaura.com\/wp-content\/uploads\/2020\/08\/Residencial-Ernest-Lluch-Mataro\u0301-01-768x402.jpg 768w, https:\/\/www.garciafaura.com\/wp-content\/uploads\/2020\/08\/Residencial-Ernest-Lluch-Mataro\u0301-01-1024x536.jpg 1024w\" sizes=\"auto, (max-width: 1200px) 100vw, 1200px\" \/><\/a><\/div><div class=\"portfolio-entry-details entry-details wpex-clr\"><h2 class=\"portfolio-entry-title entry-title\"><a href=\"https:\/\/www.garciafaura.com\/fr\/portfolio-item\/residencial-ernest-lluch-mataro\/\" title=\"R\u00e9sidentiel Ernest Lluch Matar\u00f3\">R\u00e9sidentiel Ernest Lluch Matar\u00f3<\/a><\/h2><div class=\"portfolio-entry-categories entry-categories wpex-clr\"><a href=\"https:\/\/www.garciafaura.com\/fr\/portfolio-category\/ensembles-residentiels\/\" class=\"term-77\">Ensembles r\u00e9sidentiels<\/a><\/div><\/div><\/div><\/div><div class=\"portfolio-entry vcex-grid-item entry-has-details span_1_of_3 col col-1 vcex-isotope-entry vcex-no-margin-entry post-24691 entry type-portfolio has-media cat-77 translation_priority-5\"><div class=\"portfolio-entry-inner entry-inner wpex-clr\"><div class=\"portfolio-entry-media entry-media wpex-clr\"><a href=\"https:\/\/www.garciafaura.com\/wp-content\/uploads\/2020\/01\/Promocio\u0301-Sant-Just-Home-01.jpg\" title=\"Promotion Sant Just Home\" class=\"portfolio-entry-media-link wpex-lightbox-gallery\" data-gallery=\"[{&quot;src&quot;:&quot;https:\\\/\\\/www.garciafaura.com\\\/wp-content\\\/uploads\\\/2020\\\/01\\\/Promocio\\u0301-Sant-Just-Home-01.jpg&quot;},{&quot;src&quot;:&quot;https:\\\/\\\/www.garciafaura.com\\\/wp-content\\\/uploads\\\/2020\\\/01\\\/Promocio\\u0301-Sant-Just-Home-35.jpg&quot;},{&quot;src&quot;:&quot;https:\\\/\\\/www.garciafaura.com\\\/wp-content\\\/uploads\\\/2020\\\/01\\\/Promocio\\u0301-Sant-Just-Home-34.jpg&quot;},{&quot;src&quot;:&quot;https:\\\/\\\/www.garciafaura.com\\\/wp-content\\\/uploads\\\/2020\\\/01\\\/Promocio\\u0301-Sant-Just-Home-33.jpg&quot;},{&quot;src&quot;:&quot;https:\\\/\\\/www.garciafaura.com\\\/wp-content\\\/uploads\\\/2020\\\/01\\\/Promocio\\u0301-Sant-Just-Home-32.jpg&quot;},{&quot;src&quot;:&quot;https:\\\/\\\/www.garciafaura.com\\\/wp-content\\\/uploads\\\/2020\\\/01\\\/Promocio\\u0301-Sant-Just-Home-31.jpg&quot;},{&quot;src&quot;:&quot;https:\\\/\\\/www.garciafaura.com\\\/wp-content\\\/uploads\\\/2020\\\/01\\\/Promocio\\u0301-Sant-Just-Home-30.jpg&quot;},{&quot;src&quot;:&quot;https:\\\/\\\/www.garciafaura.com\\\/wp-content\\\/uploads\\\/2020\\\/01\\\/Promocio\\u0301-Sant-Just-Home-29.jpg&quot;},{&quot;src&quot;:&quot;https:\\\/\\\/www.garciafaura.com\\\/wp-content\\\/uploads\\\/2020\\\/01\\\/Promocio\\u0301-Sant-Just-Home-28.jpg&quot;},{&quot;src&quot;:&quot;https:\\\/\\\/www.garciafaura.com\\\/wp-content\\\/uploads\\\/2020\\\/01\\\/Promocio\\u0301-Sant-Just-Home-27.jpg&quot;},{&quot;src&quot;:&quot;https:\\\/\\\/www.garciafaura.com\\\/wp-content\\\/uploads\\\/2020\\\/01\\\/Promocio\\u0301-Sant-Just-Home-26.jpg&quot;},{&quot;src&quot;:&quot;https:\\\/\\\/www.garciafaura.com\\\/wp-content\\\/uploads\\\/2020\\\/01\\\/Promocio\\u0301-Sant-Just-Home-25.jpg&quot;},{&quot;src&quot;:&quot;https:\\\/\\\/www.garciafaura.com\\\/wp-content\\\/uploads\\\/2020\\\/01\\\/Promocio\\u0301-Sant-Just-Home-24.jpg&quot;},{&quot;src&quot;:&quot;https:\\\/\\\/www.garciafaura.com\\\/wp-content\\\/uploads\\\/2020\\\/01\\\/Promocio\\u0301-Sant-Just-Home-23.jpg&quot;},{&quot;src&quot;:&quot;https:\\\/\\\/www.garciafaura.com\\\/wp-content\\\/uploads\\\/2020\\\/01\\\/Promocio\\u0301-Sant-Just-Home-22.jpg&quot;},{&quot;src&quot;:&quot;https:\\\/\\\/www.garciafaura.com\\\/wp-content\\\/uploads\\\/2020\\\/01\\\/Promocio\\u0301-Sant-Just-Home-21.jpg&quot;},{&quot;src&quot;:&quot;https:\\\/\\\/www.garciafaura.com\\\/wp-content\\\/uploads\\\/2020\\\/01\\\/Promocio\\u0301-Sant-Just-Home-20.jpg&quot;},{&quot;src&quot;:&quot;https:\\\/\\\/www.garciafaura.com\\\/wp-content\\\/uploads\\\/2020\\\/01\\\/Promocio\\u0301-Sant-Just-Home-19.jpg&quot;},{&quot;src&quot;:&quot;https:\\\/\\\/www.garciafaura.com\\\/wp-content\\\/uploads\\\/2020\\\/01\\\/Promocio\\u0301-Sant-Just-Home-18.jpg&quot;},{&quot;src&quot;:&quot;https:\\\/\\\/www.garciafaura.com\\\/wp-content\\\/uploads\\\/2020\\\/01\\\/Promocio\\u0301-Sant-Just-Home-17.jpg&quot;},{&quot;src&quot;:&quot;https:\\\/\\\/www.garciafaura.com\\\/wp-content\\\/uploads\\\/2020\\\/01\\\/Promocio\\u0301-Sant-Just-Home-16.jpg&quot;},{&quot;src&quot;:&quot;https:\\\/\\\/www.garciafaura.com\\\/wp-content\\\/uploads\\\/2020\\\/01\\\/Promocio\\u0301-Sant-Just-Home-15.jpg&quot;},{&quot;src&quot;:&quot;https:\\\/\\\/www.garciafaura.com\\\/wp-content\\\/uploads\\\/2020\\\/01\\\/Promocio\\u0301-Sant-Just-Home-14.jpg&quot;},{&quot;src&quot;:&quot;https:\\\/\\\/www.garciafaura.com\\\/wp-content\\\/uploads\\\/2020\\\/01\\\/Promocio\\u0301-Sant-Just-Home-13.jpg&quot;},{&quot;src&quot;:&quot;https:\\\/\\\/www.garciafaura.com\\\/wp-content\\\/uploads\\\/2020\\\/01\\\/Promocio\\u0301-Sant-Just-Home-12.jpg&quot;},{&quot;src&quot;:&quot;https:\\\/\\\/www.garciafaura.com\\\/wp-content\\\/uploads\\\/2020\\\/01\\\/Promocio\\u0301-Sant-Just-Home-11.jpg&quot;},{&quot;src&quot;:&quot;https:\\\/\\\/www.garciafaura.com\\\/wp-content\\\/uploads\\\/2020\\\/01\\\/Promocio\\u0301-Sant-Just-Home-10.jpg&quot;},{&quot;src&quot;:&quot;https:\\\/\\\/www.garciafaura.com\\\/wp-content\\\/uploads\\\/2020\\\/01\\\/Promocio\\u0301-Sant-Just-Home-09.jpg&quot;},{&quot;src&quot;:&quot;https:\\\/\\\/www.garciafaura.com\\\/wp-content\\\/uploads\\\/2020\\\/01\\\/Promocio\\u0301-Sant-Just-Home-08.jpg&quot;},{&quot;src&quot;:&quot;https:\\\/\\\/www.garciafaura.com\\\/wp-content\\\/uploads\\\/2020\\\/01\\\/Promocio\\u0301-Sant-Just-Home-07.jpg&quot;},{&quot;src&quot;:&quot;https:\\\/\\\/www.garciafaura.com\\\/wp-content\\\/uploads\\\/2020\\\/01\\\/Promocio\\u0301-Sant-Just-Home-06.jpg&quot;},{&quot;src&quot;:&quot;https:\\\/\\\/www.garciafaura.com\\\/wp-content\\\/uploads\\\/2020\\\/01\\\/Promocio\\u0301-Sant-Just-Home-05.jpg&quot;},{&quot;src&quot;:&quot;https:\\\/\\\/www.garciafaura.com\\\/wp-content\\\/uploads\\\/2020\\\/01\\\/Promocio\\u0301-Sant-Just-Home-04.jpg&quot;},{&quot;src&quot;:&quot;https:\\\/\\\/www.garciafaura.com\\\/wp-content\\\/uploads\\\/2020\\\/01\\\/Promocio\\u0301-Sant-Just-Home-03.jpg&quot;},{&quot;src&quot;:&quot;https:\\\/\\\/www.garciafaura.com\\\/wp-content\\\/uploads\\\/2020\\\/01\\\/Promocio\\u0301-Sant-Just-Home-02.jpg&quot;}]\"><img loading=\"lazy\" decoding=\"async\" width=\"1200\" height=\"628\" src=\"https:\/\/www.garciafaura.com\/wp-content\/uploads\/2020\/01\/Promocio\u0301-Sant-Just-Home-01.jpg\" class=\"portfolio-entry-img skip-lazy\" alt=\"\" data-no-lazy=\"1\" srcset=\"https:\/\/www.garciafaura.com\/wp-content\/uploads\/2020\/01\/Promocio\u0301-Sant-Just-Home-01.jpg 1200w, https:\/\/www.garciafaura.com\/wp-content\/uploads\/2020\/01\/Promocio\u0301-Sant-Just-Home-01-300x157.jpg 300w, https:\/\/www.garciafaura.com\/wp-content\/uploads\/2020\/01\/Promocio\u0301-Sant-Just-Home-01-1024x536.jpg 1024w, https:\/\/www.garciafaura.com\/wp-content\/uploads\/2020\/01\/Promocio\u0301-Sant-Just-Home-01-768x402.jpg 768w\" sizes=\"auto, (max-width: 1200px) 100vw, 1200px\" \/><\/a><\/div><div class=\"portfolio-entry-details entry-details wpex-clr\"><h2 class=\"portfolio-entry-title entry-title\"><a href=\"https:\/\/www.garciafaura.com\/fr\/portfolio-item\/promotion-sant-just-home\/\" title=\"Promotion Sant Just Home\">Promotion Sant Just Home<\/a><\/h2><div class=\"portfolio-entry-categories entry-categories wpex-clr\"><a href=\"https:\/\/www.garciafaura.com\/fr\/portfolio-category\/ensembles-residentiels\/\" class=\"term-77\">Ensembles r\u00e9sidentiels<\/a><\/div><\/div><\/div><\/div><div class=\"portfolio-entry vcex-grid-item entry-has-details span_1_of_3 col col-2 vcex-isotope-entry vcex-no-margin-entry post-24487 entry type-portfolio has-media cat-77 cat-97 cat-98 translation_priority-5\"><div class=\"portfolio-entry-inner entry-inner wpex-clr\"><div class=\"portfolio-entry-media entry-media wpex-clr\"><a href=\"https:\/\/www.garciafaura.com\/wp-content\/uploads\/2019\/11\/12333-01.jpg\" title=\"B\u00e2timent Lumini\" class=\"portfolio-entry-media-link wpex-lightbox-gallery\" data-gallery=\"[{&quot;src&quot;:&quot;https:\\\/\\\/www.garciafaura.com\\\/wp-content\\\/uploads\\\/2019\\\/11\\\/12333-01.jpg&quot;,&quot;title&quot;:&quot;Lumini&quot;},{&quot;src&quot;:&quot;https:\\\/\\\/www.garciafaura.com\\\/wp-content\\\/uploads\\\/2019\\\/11\\\/12333-02.jpg&quot;,&quot;title&quot;:&quot;Lumini&quot;},{&quot;src&quot;:&quot;https:\\\/\\\/www.garciafaura.com\\\/wp-content\\\/uploads\\\/2019\\\/11\\\/12333-03.jpg&quot;,&quot;title&quot;:&quot;Lumini&quot;},{&quot;src&quot;:&quot;https:\\\/\\\/www.garciafaura.com\\\/wp-content\\\/uploads\\\/2019\\\/11\\\/12333-04.jpg&quot;,&quot;title&quot;:&quot;Lumini&quot;},{&quot;src&quot;:&quot;https:\\\/\\\/www.garciafaura.com\\\/wp-content\\\/uploads\\\/2019\\\/11\\\/12333-05.jpg&quot;,&quot;title&quot;:&quot;Lumini&quot;}]\"><img loading=\"lazy\" decoding=\"async\" width=\"1200\" height=\"628\" src=\"https:\/\/www.garciafaura.com\/wp-content\/uploads\/2019\/11\/12333-01.jpg\" class=\"portfolio-entry-img skip-lazy\" alt=\"Lumini\" data-no-lazy=\"1\" srcset=\"https:\/\/www.garciafaura.com\/wp-content\/uploads\/2019\/11\/12333-01.jpg 1200w, https:\/\/www.garciafaura.com\/wp-content\/uploads\/2019\/11\/12333-01-300x157.jpg 300w, https:\/\/www.garciafaura.com\/wp-content\/uploads\/2019\/11\/12333-01-768x402.jpg 768w, https:\/\/www.garciafaura.com\/wp-content\/uploads\/2019\/11\/12333-01-1024x536.jpg 1024w, https:\/\/www.garciafaura.com\/wp-content\/uploads\/2019\/11\/12333-01-600x314.jpg 600w\" sizes=\"auto, (max-width: 1200px) 100vw, 1200px\" \/><\/a><\/div><div class=\"portfolio-entry-details entry-details wpex-clr\"><h2 class=\"portfolio-entry-title entry-title\"><a href=\"https:\/\/www.garciafaura.com\/fr\/portfolio-item\/edifici-lumini\/\" title=\"B\u00e2timent Lumini\">B\u00e2timent Lumini<\/a><\/h2><div class=\"portfolio-entry-categories entry-categories wpex-clr\"><a href=\"https:\/\/www.garciafaura.com\/fr\/portfolio-category\/ensembles-residentiels\/\" class=\"term-77\">Ensembles r\u00e9sidentiels<\/a><\/div><\/div><\/div><\/div><div class=\"portfolio-entry vcex-grid-item entry-has-details span_1_of_3 col col-3 vcex-isotope-entry vcex-no-margin-entry post-24323 entry type-portfolio has-media cat-77 translation_priority-5\"><div class=\"portfolio-entry-inner entry-inner wpex-clr\"><div class=\"portfolio-entry-media entry-media wpex-clr\"><a href=\"https:\/\/www.garciafaura.com\/wp-content\/uploads\/2019\/10\/Promocio\u0301-realia-Sant-Joan-Despi\u0301-01.jpg\" title=\"Promotion Onze Setembre Sant Joan Desp\u00ed\" class=\"portfolio-entry-media-link wpex-lightbox-gallery\" data-gallery=\"[{&quot;src&quot;:&quot;https:\\\/\\\/www.garciafaura.com\\\/wp-content\\\/uploads\\\/2019\\\/10\\\/Promocio\\u0301-realia-Sant-Joan-Despi\\u0301-01.jpg&quot;,&quot;title&quot;:&quot;Realia Sant Joan Desp\\u00ed Garcia Faura&quot;},{&quot;src&quot;:&quot;https:\\\/\\\/www.garciafaura.com\\\/wp-content\\\/uploads\\\/2019\\\/10\\\/Promocio\\u0301-realia-Sant-Joan-Despi\\u0301-15.jpg&quot;,&quot;title&quot;:&quot;Realia Sant Joan Desp\\u00ed Garcia Faura&quot;},{&quot;src&quot;:&quot;https:\\\/\\\/www.garciafaura.com\\\/wp-content\\\/uploads\\\/2019\\\/10\\\/Promocio\\u0301-realia-Sant-Joan-Despi\\u0301-14.jpg&quot;,&quot;title&quot;:&quot;Realia Sant Joan Desp\\u00ed Garcia Faura&quot;},{&quot;src&quot;:&quot;https:\\\/\\\/www.garciafaura.com\\\/wp-content\\\/uploads\\\/2019\\\/10\\\/Promocio\\u0301-realia-Sant-Joan-Despi\\u0301-13.jpg&quot;,&quot;title&quot;:&quot;Realia Sant Joan Desp\\u00ed Garcia Faura&quot;},{&quot;src&quot;:&quot;https:\\\/\\\/www.garciafaura.com\\\/wp-content\\\/uploads\\\/2019\\\/10\\\/Promocio\\u0301-realia-Sant-Joan-Despi\\u0301-12.jpg&quot;,&quot;title&quot;:&quot;Realia Sant Joan Desp\\u00ed Garcia Faura&quot;},{&quot;src&quot;:&quot;https:\\\/\\\/www.garciafaura.com\\\/wp-content\\\/uploads\\\/2019\\\/10\\\/Promocio\\u0301-realia-Sant-Joan-Despi\\u0301-11.jpg&quot;,&quot;title&quot;:&quot;Realia Sant Joan Desp\\u00ed Garcia Faura&quot;},{&quot;src&quot;:&quot;https:\\\/\\\/www.garciafaura.com\\\/wp-content\\\/uploads\\\/2019\\\/10\\\/Promocio\\u0301-realia-Sant-Joan-Despi\\u0301-10.jpg&quot;,&quot;title&quot;:&quot;Realia Sant Joan Desp\\u00ed Garcia Faura&quot;},{&quot;src&quot;:&quot;https:\\\/\\\/www.garciafaura.com\\\/wp-content\\\/uploads\\\/2019\\\/10\\\/Promocio\\u0301-realia-Sant-Joan-Despi\\u0301-09.jpg&quot;,&quot;title&quot;:&quot;Realia Sant Joan Desp\\u00ed Garcia Faura&quot;},{&quot;src&quot;:&quot;https:\\\/\\\/www.garciafaura.com\\\/wp-content\\\/uploads\\\/2019\\\/10\\\/Promocio\\u0301-realia-Sant-Joan-Despi\\u0301-08.jpg&quot;,&quot;title&quot;:&quot;Realia Sant Joan Desp\\u00ed Garcia Faura&quot;},{&quot;src&quot;:&quot;https:\\\/\\\/www.garciafaura.com\\\/wp-content\\\/uploads\\\/2019\\\/10\\\/Promocio\\u0301-realia-Sant-Joan-Despi\\u0301-07.jpg&quot;,&quot;title&quot;:&quot;Realia Sant Joan Desp\\u00ed Garcia Faura&quot;},{&quot;src&quot;:&quot;https:\\\/\\\/www.garciafaura.com\\\/wp-content\\\/uploads\\\/2019\\\/10\\\/Promocio\\u0301-realia-Sant-Joan-Despi\\u0301-06.jpg&quot;,&quot;title&quot;:&quot;Realia Sant Joan Desp\\u00ed Garcia Faura&quot;},{&quot;src&quot;:&quot;https:\\\/\\\/www.garciafaura.com\\\/wp-content\\\/uploads\\\/2019\\\/10\\\/Promocio\\u0301-realia-Sant-Joan-Despi\\u0301-05.jpg&quot;,&quot;title&quot;:&quot;Realia Sant Joan Desp\\u00ed Garcia Faura&quot;},{&quot;src&quot;:&quot;https:\\\/\\\/www.garciafaura.com\\\/wp-content\\\/uploads\\\/2019\\\/10\\\/Promocio\\u0301-realia-Sant-Joan-Despi\\u0301-04.jpg&quot;,&quot;title&quot;:&quot;Realia Sant Joan Desp\\u00ed Garcia Faura&quot;},{&quot;src&quot;:&quot;https:\\\/\\\/www.garciafaura.com\\\/wp-content\\\/uploads\\\/2019\\\/10\\\/Promocio\\u0301-realia-Sant-Joan-Despi\\u0301-03.jpg&quot;,&quot;title&quot;:&quot;Realia Sant Joan Desp\\u00ed Garcia Faura&quot;},{&quot;src&quot;:&quot;https:\\\/\\\/www.garciafaura.com\\\/wp-content\\\/uploads\\\/2019\\\/10\\\/Promocio\\u0301-realia-Sant-Joan-Despi\\u0301-02.jpg&quot;,&quot;title&quot;:&quot;Realia Sant Joan Desp\\u00ed Garcia Faura&quot;}]\"><img loading=\"lazy\" decoding=\"async\" width=\"1200\" height=\"628\" src=\"https:\/\/www.garciafaura.com\/wp-content\/uploads\/2019\/10\/Promocio\u0301-realia-Sant-Joan-Despi\u0301-01.jpg\" class=\"portfolio-entry-img skip-lazy\" alt=\"Realia Sant Joan Desp\u00ed Garcia Faura\" data-no-lazy=\"1\" srcset=\"https:\/\/www.garciafaura.com\/wp-content\/uploads\/2019\/10\/Promocio\u0301-realia-Sant-Joan-Despi\u0301-01.jpg 1200w, https:\/\/www.garciafaura.com\/wp-content\/uploads\/2019\/10\/Promocio\u0301-realia-Sant-Joan-Despi\u0301-01-300x157.jpg 300w, https:\/\/www.garciafaura.com\/wp-content\/uploads\/2019\/10\/Promocio\u0301-realia-Sant-Joan-Despi\u0301-01-768x402.jpg 768w, https:\/\/www.garciafaura.com\/wp-content\/uploads\/2019\/10\/Promocio\u0301-realia-Sant-Joan-Despi\u0301-01-1024x536.jpg 1024w\" sizes=\"auto, (max-width: 1200px) 100vw, 1200px\" \/><\/a><\/div><div class=\"portfolio-entry-details entry-details wpex-clr\"><h2 class=\"portfolio-entry-title entry-title\"><a href=\"https:\/\/www.garciafaura.com\/fr\/portfolio-item\/promotion-onze-setembre-sant-joan-despi\/\" title=\"Promotion Onze Setembre Sant Joan Desp\u00ed\">Promotion Onze Setembre Sant Joan Desp\u00ed<\/a><\/h2><div class=\"portfolio-entry-categories entry-categories wpex-clr\"><a href=\"https:\/\/www.garciafaura.com\/fr\/portfolio-category\/ensembles-residentiels\/\" class=\"term-77\">Ensembles r\u00e9sidentiels<\/a><\/div><\/div><\/div><\/div><div class=\"portfolio-entry vcex-grid-item entry-has-details span_1_of_3 col col-1 vcex-isotope-entry vcex-no-margin-entry post-24300 entry type-portfolio has-media cat-77 translation_priority-5\"><div class=\"portfolio-entry-inner entry-inner wpex-clr\"><div class=\"portfolio-entry-media entry-media wpex-clr\"><a href=\"https:\/\/www.garciafaura.com\/wp-content\/uploads\/2019\/10\/Promocio-Jardins-del-Forum-01.jpg\" title=\"Promotion Jardins del F\u00f2rum\" class=\"portfolio-entry-media-link wpex-lightbox-gallery\" data-gallery=\"[{&quot;src&quot;:&quot;https:\\\/\\\/www.garciafaura.com\\\/wp-content\\\/uploads\\\/2019\\\/10\\\/Promocio-Jardins-del-Forum-01.jpg&quot;},{&quot;src&quot;:&quot;https:\\\/\\\/www.garciafaura.com\\\/wp-content\\\/uploads\\\/2019\\\/10\\\/Promocio-Jardins-del-Forum-09.jpg&quot;},{&quot;src&quot;:&quot;https:\\\/\\\/www.garciafaura.com\\\/wp-content\\\/uploads\\\/2019\\\/10\\\/Promocio-Jardins-del-Forum-08.jpg&quot;},{&quot;src&quot;:&quot;https:\\\/\\\/www.garciafaura.com\\\/wp-content\\\/uploads\\\/2019\\\/10\\\/Promocio-Jardins-del-Forum-07.jpg&quot;},{&quot;src&quot;:&quot;https:\\\/\\\/www.garciafaura.com\\\/wp-content\\\/uploads\\\/2019\\\/10\\\/Promocio-Jardins-del-Forum-06.jpg&quot;},{&quot;src&quot;:&quot;https:\\\/\\\/www.garciafaura.com\\\/wp-content\\\/uploads\\\/2019\\\/10\\\/Promocio-Jardins-del-Forum-05.jpg&quot;},{&quot;src&quot;:&quot;https:\\\/\\\/www.garciafaura.com\\\/wp-content\\\/uploads\\\/2019\\\/10\\\/Promocio-Jardins-del-Forum-04.jpg&quot;},{&quot;src&quot;:&quot;https:\\\/\\\/www.garciafaura.com\\\/wp-content\\\/uploads\\\/2019\\\/10\\\/Promocio-Jardins-del-Forum-03.jpg&quot;},{&quot;src&quot;:&quot;https:\\\/\\\/www.garciafaura.com\\\/wp-content\\\/uploads\\\/2019\\\/10\\\/Promocio-Jardins-del-Forum-02.jpg&quot;}]\"><img loading=\"lazy\" decoding=\"async\" width=\"1200\" height=\"628\" src=\"https:\/\/www.garciafaura.com\/wp-content\/uploads\/2019\/10\/Promocio-Jardins-del-Forum-01.jpg\" class=\"portfolio-entry-img skip-lazy\" alt=\"\" data-no-lazy=\"1\" srcset=\"https:\/\/www.garciafaura.com\/wp-content\/uploads\/2019\/10\/Promocio-Jardins-del-Forum-01.jpg 1200w, https:\/\/www.garciafaura.com\/wp-content\/uploads\/2019\/10\/Promocio-Jardins-del-Forum-01-300x157.jpg 300w, https:\/\/www.garciafaura.com\/wp-content\/uploads\/2019\/10\/Promocio-Jardins-del-Forum-01-768x402.jpg 768w, https:\/\/www.garciafaura.com\/wp-content\/uploads\/2019\/10\/Promocio-Jardins-del-Forum-01-1024x536.jpg 1024w\" sizes=\"auto, (max-width: 1200px) 100vw, 1200px\" \/><\/a><\/div><div class=\"portfolio-entry-details entry-details wpex-clr\"><h2 class=\"portfolio-entry-title entry-title\"><a href=\"https:\/\/www.garciafaura.com\/fr\/portfolio-item\/promotion-jardins-del-forum\/\" title=\"Promotion Jardins del F\u00f2rum\">Promotion Jardins del F\u00f2rum<\/a><\/h2><div class=\"portfolio-entry-categories entry-categories wpex-clr\"><a href=\"https:\/\/www.garciafaura.com\/fr\/portfolio-category\/ensembles-residentiels\/\" class=\"term-77\">Ensembles r\u00e9sidentiels<\/a><\/div><\/div><\/div><\/div><div class=\"portfolio-entry vcex-grid-item entry-has-details span_1_of_3 col col-2 vcex-isotope-entry vcex-no-margin-entry post-24248 entry type-portfolio has-media cat-77 cat-91 translation_priority-5\"><div class=\"portfolio-entry-inner entry-inner wpex-clr\"><div class=\"portfolio-entry-media entry-media wpex-clr\"><a href=\"https:\/\/www.garciafaura.com\/wp-content\/uploads\/2019\/10\/13080-01.jpg\" title=\"Promotion rue Estronci\" class=\"portfolio-entry-media-link wpex-lightbox-gallery\" data-gallery=\"[{&quot;src&quot;:&quot;https:\\\/\\\/www.garciafaura.com\\\/wp-content\\\/uploads\\\/2019\\\/10\\\/13080-01.jpg&quot;,&quot;title&quot;:&quot;D\\u00e9veloppement de fa\\u00e7ades et de fermetures en aluminium pour une tour de 55 maisons neuves \\u00e0 L&#039;Hospitalet de Llobregat (Barcelone).&quot;},{&quot;src&quot;:&quot;https:\\\/\\\/www.garciafaura.com\\\/wp-content\\\/uploads\\\/2019\\\/10\\\/13080-08.jpg&quot;,&quot;title&quot;:&quot;D\\u00e9veloppement de fa\\u00e7ades et de fermetures en aluminium pour une tour de 55 maisons neuves \\u00e0 L&#039;Hospitalet de Llobregat (Barcelone).&quot;},{&quot;src&quot;:&quot;https:\\\/\\\/www.garciafaura.com\\\/wp-content\\\/uploads\\\/2019\\\/10\\\/13080-07.jpg&quot;,&quot;title&quot;:&quot;D\\u00e9veloppement de fa\\u00e7ades et de fermetures en aluminium pour une tour de 55 maisons neuves \\u00e0 L&#039;Hospitalet de Llobregat (Barcelone).&quot;},{&quot;src&quot;:&quot;https:\\\/\\\/www.garciafaura.com\\\/wp-content\\\/uploads\\\/2019\\\/10\\\/13080-06.jpg&quot;,&quot;title&quot;:&quot;D\\u00e9veloppement de fa\\u00e7ades et de fermetures en aluminium pour une tour de 55 maisons neuves \\u00e0 L&#039;Hospitalet de Llobregat (Barcelone).&quot;},{&quot;src&quot;:&quot;https:\\\/\\\/www.garciafaura.com\\\/wp-content\\\/uploads\\\/2019\\\/10\\\/13080-05.jpg&quot;,&quot;title&quot;:&quot;D\\u00e9veloppement de fa\\u00e7ades et de fermetures en aluminium pour une tour de 55 maisons neuves \\u00e0 L&#039;Hospitalet de Llobregat (Barcelone).&quot;},{&quot;src&quot;:&quot;https:\\\/\\\/www.garciafaura.com\\\/wp-content\\\/uploads\\\/2019\\\/10\\\/13080-04.jpg&quot;,&quot;title&quot;:&quot;D\\u00e9veloppement de fa\\u00e7ades et de fermetures en aluminium pour une tour de 55 maisons neuves \\u00e0 L&#039;Hospitalet de Llobregat (Barcelone).&quot;},{&quot;src&quot;:&quot;https:\\\/\\\/www.garciafaura.com\\\/wp-content\\\/uploads\\\/2019\\\/10\\\/13080-03.jpg&quot;,&quot;title&quot;:&quot;D\\u00e9veloppement de fa\\u00e7ades et de fermetures en aluminium pour une tour de 55 maisons neuves \\u00e0 L&#039;Hospitalet de Llobregat (Barcelone).&quot;},{&quot;src&quot;:&quot;https:\\\/\\\/www.garciafaura.com\\\/wp-content\\\/uploads\\\/2019\\\/10\\\/13080-02.jpg&quot;,&quot;title&quot;:&quot;D\\u00e9veloppement de fa\\u00e7ades et de fermetures en aluminium pour une tour de 55 maisons neuves \\u00e0 L&#039;Hospitalet de Llobregat (Barcelone).&quot;}]\"><img loading=\"lazy\" decoding=\"async\" width=\"1200\" height=\"628\" src=\"https:\/\/www.garciafaura.com\/wp-content\/uploads\/2019\/10\/13080-01.jpg\" class=\"portfolio-entry-img skip-lazy\" alt=\"D\u00e9veloppement de fa\u00e7ades et de fermetures en aluminium pour une tour de 55 maisons neuves \u00e0 L&#039;Hospitalet de Llobregat (Barcelone).\" data-no-lazy=\"1\" srcset=\"https:\/\/www.garciafaura.com\/wp-content\/uploads\/2019\/10\/13080-01.jpg 1200w, https:\/\/www.garciafaura.com\/wp-content\/uploads\/2019\/10\/13080-01-300x157.jpg 300w, https:\/\/www.garciafaura.com\/wp-content\/uploads\/2019\/10\/13080-01-768x402.jpg 768w, https:\/\/www.garciafaura.com\/wp-content\/uploads\/2019\/10\/13080-01-1024x536.jpg 1024w\" sizes=\"auto, (max-width: 1200px) 100vw, 1200px\" \/><\/a><\/div><div class=\"portfolio-entry-details entry-details wpex-clr\"><h2 class=\"portfolio-entry-title entry-title\"><a href=\"https:\/\/www.garciafaura.com\/fr\/portfolio-item\/promotion-rue-estronci\/\" title=\"Promotion rue Estronci\">Promotion rue Estronci<\/a><\/h2><div class=\"portfolio-entry-categories entry-categories wpex-clr\"><a href=\"https:\/\/www.garciafaura.com\/fr\/portfolio-category\/ensembles-residentiels\/\" class=\"term-77\">Ensembles r\u00e9sidentiels<\/a><\/div><\/div><\/div><\/div><div class=\"portfolio-entry vcex-grid-item entry-has-details span_1_of_3 col col-3 vcex-isotope-entry vcex-no-margin-entry post-23688 entry type-portfolio has-media cat-77 cat-91 translation_priority-5\"><div class=\"portfolio-entry-inner entry-inner wpex-clr\"><div class=\"portfolio-entry-media entry-media wpex-clr\"><a href=\"https:\/\/www.garciafaura.com\/wp-content\/uploads\/2019\/09\/Residencial-Volpelleres-01.jpg\" title=\"R\u00e9sidentiel Volpelleres\" class=\"portfolio-entry-media-link wpex-lightbox-gallery\" data-gallery=\"[{&quot;src&quot;:&quot;https:\\\/\\\/www.garciafaura.com\\\/wp-content\\\/uploads\\\/2019\\\/09\\\/Residencial-Volpelleres-01.jpg&quot;,&quot;title&quot;:&quot;Fermetures en aluminium et verre de hautes caract\\u00e9ristiques techniques pour complexes r\\u00e9sidentiels \\u00e0 Sant Cugat del Vall\\u00e8s (Barcelone)&quot;},{&quot;src&quot;:&quot;https:\\\/\\\/www.garciafaura.com\\\/wp-content\\\/uploads\\\/2019\\\/09\\\/Residencial-Volpelleres-08.jpg&quot;,&quot;title&quot;:&quot;Tancaments d&#039;alumini i vidre d&#039;altes prestacions t\\u00e8cniques per a conjunt residencial a Sant Cugat del Vall\\u00e8s&quot;},{&quot;src&quot;:&quot;https:\\\/\\\/www.garciafaura.com\\\/wp-content\\\/uploads\\\/2019\\\/09\\\/Residencial-Volpelleres-07.jpg&quot;,&quot;title&quot;:&quot;Tancaments d&#039;alumini i vidre d&#039;altes prestacions t\\u00e8cniques per a conjunt residencial a Sant Cugat del Vall\\u00e8s&quot;},{&quot;src&quot;:&quot;https:\\\/\\\/www.garciafaura.com\\\/wp-content\\\/uploads\\\/2019\\\/09\\\/Residencial-Volpelleres-06.jpg&quot;,&quot;title&quot;:&quot;Tancaments d&#039;alumini i vidre d&#039;altes prestacions t\\u00e8cniques per a conjunt residencial a Sant Cugat del Vall\\u00e8s&quot;},{&quot;src&quot;:&quot;https:\\\/\\\/www.garciafaura.com\\\/wp-content\\\/uploads\\\/2019\\\/09\\\/Residencial-Volpelleres-05.jpg&quot;,&quot;title&quot;:&quot;Tancaments d&#039;alumini i vidre d&#039;altes prestacions t\\u00e8cniques per a conjunt residencial a Sant Cugat del Vall\\u00e8s&quot;},{&quot;src&quot;:&quot;https:\\\/\\\/www.garciafaura.com\\\/wp-content\\\/uploads\\\/2019\\\/09\\\/Residencial-Volpelleres-04.jpg&quot;,&quot;title&quot;:&quot;Tancaments d&#039;alumini i vidre d&#039;altes prestacions t\\u00e8cniques per a conjunt residencial a Sant Cugat del Vall\\u00e8s&quot;},{&quot;src&quot;:&quot;https:\\\/\\\/www.garciafaura.com\\\/wp-content\\\/uploads\\\/2019\\\/09\\\/Residencial-Volpelleres-03.jpg&quot;,&quot;title&quot;:&quot;Tancaments d&#039;alumini i vidre d&#039;altes prestacions t\\u00e8cniques per a conjunt residencial a Sant Cugat del Vall\\u00e8s&quot;},{&quot;src&quot;:&quot;https:\\\/\\\/www.garciafaura.com\\\/wp-content\\\/uploads\\\/2019\\\/09\\\/Residencial-Volpelleres-02.jpg&quot;,&quot;title&quot;:&quot;Tancaments d&#039;alumini i vidre d&#039;altes prestacions t\\u00e8cniques per a conjunt residencial a Sant Cugat del Vall\\u00e8s&quot;}]\"><img loading=\"lazy\" decoding=\"async\" width=\"1200\" height=\"628\" src=\"https:\/\/www.garciafaura.com\/wp-content\/uploads\/2019\/09\/Residencial-Volpelleres-01.jpg\" class=\"portfolio-entry-img skip-lazy\" alt=\"Fermetures en aluminium et verre de hautes caract\u00e9ristiques techniques pour complexes r\u00e9sidentiels \u00e0 Sant Cugat del Vall\u00e8s (Barcelone)\" data-no-lazy=\"1\" srcset=\"https:\/\/www.garciafaura.com\/wp-content\/uploads\/2019\/09\/Residencial-Volpelleres-01.jpg 1200w, https:\/\/www.garciafaura.com\/wp-content\/uploads\/2019\/09\/Residencial-Volpelleres-01-300x157.jpg 300w, https:\/\/www.garciafaura.com\/wp-content\/uploads\/2019\/09\/Residencial-Volpelleres-01-768x402.jpg 768w, https:\/\/www.garciafaura.com\/wp-content\/uploads\/2019\/09\/Residencial-Volpelleres-01-1024x536.jpg 1024w\" sizes=\"auto, (max-width: 1200px) 100vw, 1200px\" \/><\/a><\/div><div class=\"portfolio-entry-details entry-details wpex-clr\"><h2 class=\"portfolio-entry-title entry-title\"><a href=\"https:\/\/www.garciafaura.com\/fr\/portfolio-item\/residentiel-volpelleres\/\" title=\"R\u00e9sidentiel Volpelleres\">R\u00e9sidentiel Volpelleres<\/a><\/h2><div class=\"portfolio-entry-categories entry-categories wpex-clr\"><a href=\"https:\/\/www.garciafaura.com\/fr\/portfolio-category\/ensembles-residentiels\/\" class=\"term-77\">Ensembles r\u00e9sidentiels<\/a><\/div><\/div><\/div><\/div><div class=\"portfolio-entry vcex-grid-item entry-has-details span_1_of_3 col col-1 vcex-isotope-entry vcex-no-margin-entry post-23411 entry type-portfolio has-media cat-77 cat-91 cat-93 cat-95 cat-97 cat-98 translation_priority-5\"><div class=\"portfolio-entry-inner entry-inner wpex-clr\"><div class=\"portfolio-entry-media entry-media wpex-clr\"><a href=\"https:\/\/www.garciafaura.com\/wp-content\/uploads\/2019\/09\/Torre-Vitrvm-01.jpg\" title=\"Tour Vitrvm\" class=\"portfolio-entry-media-link wpex-lightbox-gallery\" data-gallery=\"[{&quot;src&quot;:&quot;https:\\\/\\\/www.garciafaura.com\\\/wp-content\\\/uploads\\\/2019\\\/09\\\/Torre-Vitrvm-01.jpg&quot;},{&quot;src&quot;:&quot;https:\\\/\\\/www.garciafaura.com\\\/wp-content\\\/uploads\\\/2019\\\/09\\\/Torre-Vitrvm-16.jpg&quot;},{&quot;src&quot;:&quot;https:\\\/\\\/www.garciafaura.com\\\/wp-content\\\/uploads\\\/2019\\\/09\\\/Torre-Vitrvm-15.jpg&quot;},{&quot;src&quot;:&quot;https:\\\/\\\/www.garciafaura.com\\\/wp-content\\\/uploads\\\/2019\\\/09\\\/Torre-Vitrvm-14.jpg&quot;},{&quot;src&quot;:&quot;https:\\\/\\\/www.garciafaura.com\\\/wp-content\\\/uploads\\\/2019\\\/09\\\/Torre-Vitrvm-13.jpg&quot;},{&quot;src&quot;:&quot;https:\\\/\\\/www.garciafaura.com\\\/wp-content\\\/uploads\\\/2019\\\/09\\\/Torre-Vitrvm-12.jpg&quot;},{&quot;src&quot;:&quot;https:\\\/\\\/www.garciafaura.com\\\/wp-content\\\/uploads\\\/2019\\\/09\\\/Torre-Vitrvm-11.jpg&quot;},{&quot;src&quot;:&quot;https:\\\/\\\/www.garciafaura.com\\\/wp-content\\\/uploads\\\/2019\\\/09\\\/Torre-Vitrvm-10.jpg&quot;},{&quot;src&quot;:&quot;https:\\\/\\\/www.garciafaura.com\\\/wp-content\\\/uploads\\\/2019\\\/09\\\/Torre-Vitrvm-09.jpg&quot;},{&quot;src&quot;:&quot;https:\\\/\\\/www.garciafaura.com\\\/wp-content\\\/uploads\\\/2019\\\/09\\\/Torre-Vitrvm-08.jpg&quot;},{&quot;src&quot;:&quot;https:\\\/\\\/www.garciafaura.com\\\/wp-content\\\/uploads\\\/2019\\\/09\\\/Torre-Vitrvm-07.jpg&quot;},{&quot;src&quot;:&quot;https:\\\/\\\/www.garciafaura.com\\\/wp-content\\\/uploads\\\/2019\\\/09\\\/Torre-Vitrvm-06.jpg&quot;},{&quot;src&quot;:&quot;https:\\\/\\\/www.garciafaura.com\\\/wp-content\\\/uploads\\\/2019\\\/09\\\/Torre-Vitrvm-05.jpg&quot;},{&quot;src&quot;:&quot;https:\\\/\\\/www.garciafaura.com\\\/wp-content\\\/uploads\\\/2019\\\/09\\\/Torre-Vitrvm-04.jpg&quot;},{&quot;src&quot;:&quot;https:\\\/\\\/www.garciafaura.com\\\/wp-content\\\/uploads\\\/2019\\\/09\\\/Torre-Vitrvm-03.jpg&quot;},{&quot;src&quot;:&quot;https:\\\/\\\/www.garciafaura.com\\\/wp-content\\\/uploads\\\/2019\\\/09\\\/Torre-Vitrvm-02.jpg&quot;}]\"><img loading=\"lazy\" decoding=\"async\" width=\"1200\" height=\"628\" src=\"https:\/\/www.garciafaura.com\/wp-content\/uploads\/2019\/09\/Torre-Vitrvm-01.jpg\" class=\"portfolio-entry-img skip-lazy\" alt=\"\" data-no-lazy=\"1\" srcset=\"https:\/\/www.garciafaura.com\/wp-content\/uploads\/2019\/09\/Torre-Vitrvm-01.jpg 1200w, https:\/\/www.garciafaura.com\/wp-content\/uploads\/2019\/09\/Torre-Vitrvm-01-300x157.jpg 300w, https:\/\/www.garciafaura.com\/wp-content\/uploads\/2019\/09\/Torre-Vitrvm-01-768x402.jpg 768w, https:\/\/www.garciafaura.com\/wp-content\/uploads\/2019\/09\/Torre-Vitrvm-01-1024x536.jpg 1024w, https:\/\/www.garciafaura.com\/wp-content\/uploads\/2019\/09\/Torre-Vitrvm-01-600x314.jpg 600w\" sizes=\"auto, (max-width: 1200px) 100vw, 1200px\" \/><\/a><\/div><div class=\"portfolio-entry-details entry-details wpex-clr\"><h2 class=\"portfolio-entry-title entry-title\"><a href=\"https:\/\/www.garciafaura.com\/fr\/portfolio-item\/torre-vitrvm\/\" title=\"Tour Vitrvm\">Tour Vitrvm<\/a><\/h2><div class=\"portfolio-entry-categories entry-categories wpex-clr\"><a href=\"https:\/\/www.garciafaura.com\/fr\/portfolio-category\/ensembles-residentiels\/\" class=\"term-77\">Ensembles r\u00e9sidentiels<\/a><\/div><\/div><\/div><\/div><div class=\"portfolio-entry vcex-grid-item entry-has-details span_1_of_3 col col-2 vcex-isotope-entry vcex-no-margin-entry post-23250 entry type-portfolio has-media cat-77 cat-90 cat-101 translation_priority-5\"><div class=\"portfolio-entry-inner entry-inner wpex-clr\"><div class=\"portfolio-entry-media entry-media wpex-clr\"><a href=\"https:\/\/www.garciafaura.com\/wp-content\/uploads\/2019\/09\/Rehabilitacio\u0301-Edifici-Hospitalet-01.jpg\" title=\"R\u00e9habilitation de b\u00e2timent \u00e0 l&rsquo;Hospitalet\" class=\"portfolio-entry-media-link wpex-lightbox-gallery\" data-gallery=\"[{&quot;src&quot;:&quot;https:\\\/\\\/www.garciafaura.com\\\/wp-content\\\/uploads\\\/2019\\\/09\\\/Rehabilitacio\\u0301-Edifici-Hospitalet-01.jpg&quot;,&quot;title&quot;:&quot;Rehabilitacio\\u0301 Edifici Hospitalet&quot;},{&quot;src&quot;:&quot;https:\\\/\\\/www.garciafaura.com\\\/wp-content\\\/uploads\\\/2019\\\/09\\\/Rehabilitacio\\u0301-Edifici-Hospitalet-07.jpg&quot;,&quot;title&quot;:&quot;Rehabilitacio\\u0301n Edifici Hospitalet&quot;},{&quot;src&quot;:&quot;https:\\\/\\\/www.garciafaura.com\\\/wp-content\\\/uploads\\\/2019\\\/09\\\/Rehabilitacio\\u0301-Edifici-Hospitalet-06.jpg&quot;,&quot;title&quot;:&quot;Rehabilitacio\\u0301n Edifici Hospitalet&quot;},{&quot;src&quot;:&quot;https:\\\/\\\/www.garciafaura.com\\\/wp-content\\\/uploads\\\/2019\\\/09\\\/Rehabilitacio\\u0301-Edifici-Hospitalet-05.jpg&quot;,&quot;title&quot;:&quot;Rehabilitacio\\u0301n Edifici Hospitalet&quot;},{&quot;src&quot;:&quot;https:\\\/\\\/www.garciafaura.com\\\/wp-content\\\/uploads\\\/2019\\\/09\\\/Rehabilitacio\\u0301-Edifici-Hospitalet-04.jpg&quot;,&quot;title&quot;:&quot;Rehabilitacio\\u0301n Edifici Hospitalet&quot;},{&quot;src&quot;:&quot;https:\\\/\\\/www.garciafaura.com\\\/wp-content\\\/uploads\\\/2019\\\/09\\\/Rehabilitacio\\u0301-Edifici-Hospitalet-03.jpg&quot;,&quot;title&quot;:&quot;Rehabilitacio\\u0301n Edifici Hospitalet&quot;},{&quot;src&quot;:&quot;https:\\\/\\\/www.garciafaura.com\\\/wp-content\\\/uploads\\\/2019\\\/09\\\/Rehabilitacio\\u0301-Edifici-Hospitalet-02.jpg&quot;,&quot;title&quot;:&quot;Rehabilitacio\\u0301n Edifici Hospitalet&quot;}]\"><img loading=\"lazy\" decoding=\"async\" width=\"1200\" height=\"628\" src=\"https:\/\/www.garciafaura.com\/wp-content\/uploads\/2019\/09\/Rehabilitacio\u0301-Edifici-Hospitalet-01.jpg\" class=\"portfolio-entry-img skip-lazy\" alt=\"Rehabilitacio\u0301 Edifici Hospitalet\" data-no-lazy=\"1\" srcset=\"https:\/\/www.garciafaura.com\/wp-content\/uploads\/2019\/09\/Rehabilitacio\u0301-Edifici-Hospitalet-01.jpg 1200w, https:\/\/www.garciafaura.com\/wp-content\/uploads\/2019\/09\/Rehabilitacio\u0301-Edifici-Hospitalet-01-300x157.jpg 300w, https:\/\/www.garciafaura.com\/wp-content\/uploads\/2019\/09\/Rehabilitacio\u0301-Edifici-Hospitalet-01-768x402.jpg 768w, https:\/\/www.garciafaura.com\/wp-content\/uploads\/2019\/09\/Rehabilitacio\u0301-Edifici-Hospitalet-01-1024x536.jpg 1024w, https:\/\/www.garciafaura.com\/wp-content\/uploads\/2019\/09\/Rehabilitacio\u0301-Edifici-Hospitalet-01-600x314.jpg 600w\" sizes=\"auto, (max-width: 1200px) 100vw, 1200px\" \/><\/a><\/div><div class=\"portfolio-entry-details entry-details wpex-clr\"><h2 class=\"portfolio-entry-title entry-title\"><a href=\"https:\/\/www.garciafaura.com\/fr\/portfolio-item\/rehabilitation-de-batiment-a-lhospitalet\/\" title=\"R\u00e9habilitation de b\u00e2timent \u00e0 l&rsquo;Hospitalet\">R\u00e9habilitation de b\u00e2timent \u00e0 l&rsquo;Hospitalet<\/a><\/h2><div class=\"portfolio-entry-categories entry-categories wpex-clr\"><a href=\"https:\/\/www.garciafaura.com\/fr\/portfolio-category\/ensembles-residentiels\/\" class=\"term-77\">Ensembles r\u00e9sidentiels<\/a><\/div><\/div><\/div><\/div><div class=\"portfolio-entry vcex-grid-item entry-has-details span_1_of_3 col col-3 vcex-isotope-entry vcex-no-margin-entry post-23228 entry type-portfolio has-media cat-77 cat-91 translation_priority-5\"><div class=\"portfolio-entry-inner entry-inner wpex-clr\"><div class=\"portfolio-entry-media entry-media wpex-clr\"><a href=\"https:\/\/www.garciafaura.com\/wp-content\/uploads\/2019\/09\/Can-Trabal-01.jpg\" title=\"R\u00e9sidentiel Can Trabal\" class=\"portfolio-entry-media-link wpex-lightbox-gallery\" data-gallery=\"[{&quot;src&quot;:&quot;https:\\\/\\\/www.garciafaura.com\\\/wp-content\\\/uploads\\\/2019\\\/09\\\/Can-Trabal-01.jpg&quot;,&quot;title&quot;:&quot;Resid\\u00e8ncia Can Trabal&quot;},{&quot;src&quot;:&quot;https:\\\/\\\/www.garciafaura.com\\\/wp-content\\\/uploads\\\/2019\\\/09\\\/Can-Trabal-16.jpg&quot;,&quot;title&quot;:&quot;Resid\\u00e8ncia Can Trabal&quot;},{&quot;src&quot;:&quot;https:\\\/\\\/www.garciafaura.com\\\/wp-content\\\/uploads\\\/2019\\\/09\\\/Can-Trabal-15.jpg&quot;,&quot;title&quot;:&quot;Resid\\u00e8ncia Can Trabal&quot;},{&quot;src&quot;:&quot;https:\\\/\\\/www.garciafaura.com\\\/wp-content\\\/uploads\\\/2019\\\/09\\\/Can-Trabal-14.jpg&quot;,&quot;title&quot;:&quot;Resid\\u00e8ncia Can Trabal&quot;},{&quot;src&quot;:&quot;https:\\\/\\\/www.garciafaura.com\\\/wp-content\\\/uploads\\\/2019\\\/09\\\/Can-Trabal-13.jpg&quot;,&quot;title&quot;:&quot;Resid\\u00e8ncia Can Trabal&quot;},{&quot;src&quot;:&quot;https:\\\/\\\/www.garciafaura.com\\\/wp-content\\\/uploads\\\/2019\\\/09\\\/Can-Trabal-12.jpg&quot;,&quot;title&quot;:&quot;Resid\\u00e8ncia Can Trabal&quot;},{&quot;src&quot;:&quot;https:\\\/\\\/www.garciafaura.com\\\/wp-content\\\/uploads\\\/2019\\\/09\\\/Can-Trabal-11.jpg&quot;,&quot;title&quot;:&quot;Resid\\u00e8ncia Can Trabal&quot;},{&quot;src&quot;:&quot;https:\\\/\\\/www.garciafaura.com\\\/wp-content\\\/uploads\\\/2019\\\/09\\\/Can-Trabal-10.jpg&quot;,&quot;title&quot;:&quot;Resid\\u00e8ncia Can Trabal&quot;},{&quot;src&quot;:&quot;https:\\\/\\\/www.garciafaura.com\\\/wp-content\\\/uploads\\\/2019\\\/09\\\/Can-Trabal-09.jpg&quot;,&quot;title&quot;:&quot;Resid\\u00e8ncia Can Trabal&quot;},{&quot;src&quot;:&quot;https:\\\/\\\/www.garciafaura.com\\\/wp-content\\\/uploads\\\/2019\\\/09\\\/Can-Trabal-08.jpg&quot;,&quot;title&quot;:&quot;Resid\\u00e8ncia Can Trabal&quot;},{&quot;src&quot;:&quot;https:\\\/\\\/www.garciafaura.com\\\/wp-content\\\/uploads\\\/2019\\\/09\\\/Can-Trabal-07.jpg&quot;,&quot;title&quot;:&quot;Resid\\u00e8ncia Can Trabal&quot;},{&quot;src&quot;:&quot;https:\\\/\\\/www.garciafaura.com\\\/wp-content\\\/uploads\\\/2019\\\/09\\\/Can-Trabal-06.jpg&quot;,&quot;title&quot;:&quot;Resid\\u00e8ncia Can Trabal&quot;},{&quot;src&quot;:&quot;https:\\\/\\\/www.garciafaura.com\\\/wp-content\\\/uploads\\\/2019\\\/09\\\/Can-Trabal-05.jpg&quot;,&quot;title&quot;:&quot;Resid\\u00e8ncia Can Trabal&quot;},{&quot;src&quot;:&quot;https:\\\/\\\/www.garciafaura.com\\\/wp-content\\\/uploads\\\/2019\\\/09\\\/Can-Trabal-04.jpg&quot;,&quot;title&quot;:&quot;Resid\\u00e8ncia Can Trabal&quot;},{&quot;src&quot;:&quot;https:\\\/\\\/www.garciafaura.com\\\/wp-content\\\/uploads\\\/2019\\\/09\\\/Can-Trabal-03.jpg&quot;,&quot;title&quot;:&quot;Resid\\u00e8ncia Can Trabal&quot;},{&quot;src&quot;:&quot;https:\\\/\\\/www.garciafaura.com\\\/wp-content\\\/uploads\\\/2019\\\/09\\\/Can-Trabal-02.jpg&quot;,&quot;title&quot;:&quot;Resid\\u00e8ncia Can Trabal&quot;}]\"><img loading=\"lazy\" decoding=\"async\" width=\"1200\" height=\"628\" src=\"https:\/\/www.garciafaura.com\/wp-content\/uploads\/2019\/09\/Can-Trabal-01.jpg\" class=\"portfolio-entry-img skip-lazy\" alt=\"Resid\u00e8ncia Can Trabal\" data-no-lazy=\"1\" srcset=\"https:\/\/www.garciafaura.com\/wp-content\/uploads\/2019\/09\/Can-Trabal-01.jpg 1200w, https:\/\/www.garciafaura.com\/wp-content\/uploads\/2019\/09\/Can-Trabal-01-300x157.jpg 300w, https:\/\/www.garciafaura.com\/wp-content\/uploads\/2019\/09\/Can-Trabal-01-768x402.jpg 768w, https:\/\/www.garciafaura.com\/wp-content\/uploads\/2019\/09\/Can-Trabal-01-1024x536.jpg 1024w\" sizes=\"auto, (max-width: 1200px) 100vw, 1200px\" \/><\/a><\/div><div class=\"portfolio-entry-details entry-details wpex-clr\"><h2 class=\"portfolio-entry-title entry-title\"><a href=\"https:\/\/www.garciafaura.com\/fr\/portfolio-item\/residentiel-can-trabal\/\" title=\"R\u00e9sidentiel Can Trabal\">R\u00e9sidentiel Can Trabal<\/a><\/h2><div class=\"portfolio-entry-categories entry-categories wpex-clr\"><a href=\"https:\/\/www.garciafaura.com\/fr\/portfolio-category\/ensembles-residentiels\/\" class=\"term-77\">Ensembles r\u00e9sidentiels<\/a><\/div><\/div><\/div><\/div><div class=\"portfolio-entry vcex-grid-item entry-has-details span_1_of_3 col col-1 vcex-isotope-entry vcex-no-margin-entry post-23191 entry type-portfolio has-media cat-77 translation_priority-5\"><div class=\"portfolio-entry-inner entry-inner wpex-clr\"><div class=\"portfolio-entry-media entry-media wpex-clr\"><a href=\"https:\/\/www.garciafaura.com\/wp-content\/uploads\/2019\/09\/Habitatges-IMPSOL-Sant-Boi-01.jpg\" title=\"Impsol Sant Boi\" class=\"portfolio-entry-media-link wpex-lightbox-gallery\" data-gallery=\"[{&quot;src&quot;:&quot;https:\\\/\\\/www.garciafaura.com\\\/wp-content\\\/uploads\\\/2019\\\/09\\\/Habitatges-IMPSOL-Sant-Boi-01.jpg&quot;},{&quot;src&quot;:&quot;https:\\\/\\\/www.garciafaura.com\\\/wp-content\\\/uploads\\\/2019\\\/09\\\/Habitatges-IMPSOL-Sant-Boi-12.jpg&quot;},{&quot;src&quot;:&quot;https:\\\/\\\/www.garciafaura.com\\\/wp-content\\\/uploads\\\/2019\\\/09\\\/Habitatges-IMPSOL-Sant-Boi-11.jpg&quot;},{&quot;src&quot;:&quot;https:\\\/\\\/www.garciafaura.com\\\/wp-content\\\/uploads\\\/2019\\\/09\\\/Habitatges-IMPSOL-Sant-Boi-10.jpg&quot;},{&quot;src&quot;:&quot;https:\\\/\\\/www.garciafaura.com\\\/wp-content\\\/uploads\\\/2019\\\/09\\\/Habitatges-IMPSOL-Sant-Boi-09.jpg&quot;},{&quot;src&quot;:&quot;https:\\\/\\\/www.garciafaura.com\\\/wp-content\\\/uploads\\\/2019\\\/09\\\/Habitatges-IMPSOL-Sant-Boi-08.jpg&quot;},{&quot;src&quot;:&quot;https:\\\/\\\/www.garciafaura.com\\\/wp-content\\\/uploads\\\/2019\\\/09\\\/Habitatges-IMPSOL-Sant-Boi-07.jpg&quot;},{&quot;src&quot;:&quot;https:\\\/\\\/www.garciafaura.com\\\/wp-content\\\/uploads\\\/2019\\\/09\\\/Habitatges-IMPSOL-Sant-Boi-06.jpg&quot;},{&quot;src&quot;:&quot;https:\\\/\\\/www.garciafaura.com\\\/wp-content\\\/uploads\\\/2019\\\/09\\\/Habitatges-IMPSOL-Sant-Boi-05.jpg&quot;},{&quot;src&quot;:&quot;https:\\\/\\\/www.garciafaura.com\\\/wp-content\\\/uploads\\\/2019\\\/09\\\/Habitatges-IMPSOL-Sant-Boi-04.jpg&quot;},{&quot;src&quot;:&quot;https:\\\/\\\/www.garciafaura.com\\\/wp-content\\\/uploads\\\/2019\\\/09\\\/Habitatges-IMPSOL-Sant-Boi-03.jpg&quot;},{&quot;src&quot;:&quot;https:\\\/\\\/www.garciafaura.com\\\/wp-content\\\/uploads\\\/2019\\\/09\\\/Habitatges-IMPSOL-Sant-Boi-02.jpg&quot;}]\"><img loading=\"lazy\" decoding=\"async\" width=\"1200\" height=\"628\" src=\"https:\/\/www.garciafaura.com\/wp-content\/uploads\/2019\/09\/Habitatges-IMPSOL-Sant-Boi-01.jpg\" class=\"portfolio-entry-img skip-lazy\" alt=\"\" data-no-lazy=\"1\" srcset=\"https:\/\/www.garciafaura.com\/wp-content\/uploads\/2019\/09\/Habitatges-IMPSOL-Sant-Boi-01.jpg 1200w, https:\/\/www.garciafaura.com\/wp-content\/uploads\/2019\/09\/Habitatges-IMPSOL-Sant-Boi-01-300x157.jpg 300w, https:\/\/www.garciafaura.com\/wp-content\/uploads\/2019\/09\/Habitatges-IMPSOL-Sant-Boi-01-768x402.jpg 768w, https:\/\/www.garciafaura.com\/wp-content\/uploads\/2019\/09\/Habitatges-IMPSOL-Sant-Boi-01-1024x536.jpg 1024w\" sizes=\"auto, (max-width: 1200px) 100vw, 1200px\" \/><\/a><\/div><div class=\"portfolio-entry-details entry-details wpex-clr\"><h2 class=\"portfolio-entry-title entry-title\"><a href=\"https:\/\/www.garciafaura.com\/fr\/portfolio-item\/impsol-sant-boi\/\" title=\"Impsol Sant Boi\">Impsol Sant Boi<\/a><\/h2><div class=\"portfolio-entry-categories entry-categories wpex-clr\"><a href=\"https:\/\/www.garciafaura.com\/fr\/portfolio-category\/ensembles-residentiels\/\" class=\"term-77\">Ensembles r\u00e9sidentiels<\/a><\/div><\/div><\/div><\/div><div class=\"portfolio-entry vcex-grid-item entry-has-details span_1_of_3 col col-2 vcex-isotope-entry vcex-no-margin-entry post-23180 entry type-portfolio has-media cat-77 cat-91 translation_priority-5\"><div class=\"portfolio-entry-inner entry-inner wpex-clr\"><div class=\"portfolio-entry-media entry-media wpex-clr\"><a href=\"https:\/\/www.garciafaura.com\/wp-content\/uploads\/2019\/09\/Residencial-U\u0301nic-Badalona-01.jpg\" title=\"R\u00e9sidentiel \u00danic Badalona\" class=\"portfolio-entry-media-link wpex-lightbox-gallery\" data-gallery=\"[{&quot;src&quot;:&quot;https:\\\/\\\/www.garciafaura.com\\\/wp-content\\\/uploads\\\/2019\\\/09\\\/Residencial-U\\u0301nic-Badalona-01.jpg&quot;},{&quot;src&quot;:&quot;https:\\\/\\\/www.garciafaura.com\\\/wp-content\\\/uploads\\\/2019\\\/09\\\/Residencial-U\\u0301nic-Badalona-13.jpg&quot;},{&quot;src&quot;:&quot;https:\\\/\\\/www.garciafaura.com\\\/wp-content\\\/uploads\\\/2019\\\/09\\\/Residencial-U\\u0301nic-Badalona-12.jpg&quot;},{&quot;src&quot;:&quot;https:\\\/\\\/www.garciafaura.com\\\/wp-content\\\/uploads\\\/2019\\\/09\\\/Residencial-U\\u0301nic-Badalona-11.jpg&quot;},{&quot;src&quot;:&quot;https:\\\/\\\/www.garciafaura.com\\\/wp-content\\\/uploads\\\/2019\\\/09\\\/Residencial-U\\u0301nic-Badalona-10.jpg&quot;},{&quot;src&quot;:&quot;https:\\\/\\\/www.garciafaura.com\\\/wp-content\\\/uploads\\\/2019\\\/09\\\/Residencial-U\\u0301nic-Badalona-09.jpg&quot;},{&quot;src&quot;:&quot;https:\\\/\\\/www.garciafaura.com\\\/wp-content\\\/uploads\\\/2019\\\/09\\\/Residencial-U\\u0301nic-Badalona-08.jpg&quot;},{&quot;src&quot;:&quot;https:\\\/\\\/www.garciafaura.com\\\/wp-content\\\/uploads\\\/2019\\\/09\\\/Residencial-U\\u0301nic-Badalona-07.jpg&quot;},{&quot;src&quot;:&quot;https:\\\/\\\/www.garciafaura.com\\\/wp-content\\\/uploads\\\/2019\\\/09\\\/Residencial-U\\u0301nic-Badalona-06.jpg&quot;},{&quot;src&quot;:&quot;https:\\\/\\\/www.garciafaura.com\\\/wp-content\\\/uploads\\\/2019\\\/09\\\/Residencial-U\\u0301nic-Badalona-05.jpg&quot;},{&quot;src&quot;:&quot;https:\\\/\\\/www.garciafaura.com\\\/wp-content\\\/uploads\\\/2019\\\/09\\\/Residencial-U\\u0301nic-Badalona-04.jpg&quot;},{&quot;src&quot;:&quot;https:\\\/\\\/www.garciafaura.com\\\/wp-content\\\/uploads\\\/2019\\\/09\\\/Residencial-U\\u0301nic-Badalona-03.jpg&quot;},{&quot;src&quot;:&quot;https:\\\/\\\/www.garciafaura.com\\\/wp-content\\\/uploads\\\/2019\\\/09\\\/Residencial-U\\u0301nic-Badalona-02.jpg&quot;}]\"><img loading=\"lazy\" decoding=\"async\" width=\"1200\" height=\"628\" src=\"https:\/\/www.garciafaura.com\/wp-content\/uploads\/2019\/09\/Residencial-U\u0301nic-Badalona-01.jpg\" class=\"portfolio-entry-img skip-lazy\" alt=\"\" data-no-lazy=\"1\" srcset=\"https:\/\/www.garciafaura.com\/wp-content\/uploads\/2019\/09\/Residencial-U\u0301nic-Badalona-01.jpg 1200w, https:\/\/www.garciafaura.com\/wp-content\/uploads\/2019\/09\/Residencial-U\u0301nic-Badalona-01-300x157.jpg 300w, https:\/\/www.garciafaura.com\/wp-content\/uploads\/2019\/09\/Residencial-U\u0301nic-Badalona-01-768x402.jpg 768w, https:\/\/www.garciafaura.com\/wp-content\/uploads\/2019\/09\/Residencial-U\u0301nic-Badalona-01-1024x536.jpg 1024w\" sizes=\"auto, (max-width: 1200px) 100vw, 1200px\" \/><\/a><\/div><div class=\"portfolio-entry-details entry-details wpex-clr\"><h2 class=\"portfolio-entry-title entry-title\"><a href=\"https:\/\/www.garciafaura.com\/fr\/portfolio-item\/residentiel-unic-badalona\/\" title=\"R\u00e9sidentiel \u00danic Badalona\">R\u00e9sidentiel \u00danic Badalona<\/a><\/h2><div class=\"portfolio-entry-categories entry-categories wpex-clr\"><a href=\"https:\/\/www.garciafaura.com\/fr\/portfolio-category\/ensembles-residentiels\/\" class=\"term-77\">Ensembles r\u00e9sidentiels<\/a><\/div><\/div><\/div><\/div><div class=\"portfolio-entry vcex-grid-item entry-has-details span_1_of_3 col col-3 vcex-isotope-entry vcex-no-margin-entry post-23167 entry type-portfolio has-media cat-77 translation_priority-5\"><div class=\"portfolio-entry-inner entry-inner wpex-clr\"><div class=\"portfolio-entry-media entry-media wpex-clr\"><a href=\"https:\/\/www.garciafaura.com\/wp-content\/uploads\/2019\/09\/Promocio\u0301-Casernes-Sant-Andreu-01.jpg\" title=\"Promotion Casernes Sant Andreu\" class=\"portfolio-entry-media-link wpex-lightbox-gallery\" data-gallery=\"[{&quot;src&quot;:&quot;https:\\\/\\\/www.garciafaura.com\\\/wp-content\\\/uploads\\\/2019\\\/09\\\/Promocio\\u0301-Casernes-Sant-Andreu-01.jpg&quot;},{&quot;src&quot;:&quot;https:\\\/\\\/www.garciafaura.com\\\/wp-content\\\/uploads\\\/2019\\\/09\\\/Promocio\\u0301-Casernes-Sant-Andreu-10.jpg&quot;},{&quot;src&quot;:&quot;https:\\\/\\\/www.garciafaura.com\\\/wp-content\\\/uploads\\\/2019\\\/09\\\/Promocio\\u0301-Casernes-Sant-Andreu-09.jpg&quot;},{&quot;src&quot;:&quot;https:\\\/\\\/www.garciafaura.com\\\/wp-content\\\/uploads\\\/2019\\\/09\\\/Promocio\\u0301-Casernes-Sant-Andreu-08.jpg&quot;},{&quot;src&quot;:&quot;https:\\\/\\\/www.garciafaura.com\\\/wp-content\\\/uploads\\\/2019\\\/09\\\/Promocio\\u0301-Casernes-Sant-Andreu-07.jpg&quot;},{&quot;src&quot;:&quot;https:\\\/\\\/www.garciafaura.com\\\/wp-content\\\/uploads\\\/2019\\\/09\\\/Promocio\\u0301-Casernes-Sant-Andreu-06.jpg&quot;},{&quot;src&quot;:&quot;https:\\\/\\\/www.garciafaura.com\\\/wp-content\\\/uploads\\\/2019\\\/09\\\/Promocio\\u0301-Casernes-Sant-Andreu-05.jpg&quot;},{&quot;src&quot;:&quot;https:\\\/\\\/www.garciafaura.com\\\/wp-content\\\/uploads\\\/2019\\\/09\\\/Promocio\\u0301-Casernes-Sant-Andreu-04.jpg&quot;},{&quot;src&quot;:&quot;https:\\\/\\\/www.garciafaura.com\\\/wp-content\\\/uploads\\\/2019\\\/09\\\/Promocio\\u0301-Casernes-Sant-Andreu-03.jpg&quot;},{&quot;src&quot;:&quot;https:\\\/\\\/www.garciafaura.com\\\/wp-content\\\/uploads\\\/2019\\\/09\\\/Promocio\\u0301-Casernes-Sant-Andreu-02.jpg&quot;}]\"><img loading=\"lazy\" decoding=\"async\" width=\"1200\" height=\"628\" src=\"https:\/\/www.garciafaura.com\/wp-content\/uploads\/2019\/09\/Promocio\u0301-Casernes-Sant-Andreu-01.jpg\" class=\"portfolio-entry-img skip-lazy\" alt=\"\" data-no-lazy=\"1\" srcset=\"https:\/\/www.garciafaura.com\/wp-content\/uploads\/2019\/09\/Promocio\u0301-Casernes-Sant-Andreu-01.jpg 1200w, https:\/\/www.garciafaura.com\/wp-content\/uploads\/2019\/09\/Promocio\u0301-Casernes-Sant-Andreu-01-300x157.jpg 300w, https:\/\/www.garciafaura.com\/wp-content\/uploads\/2019\/09\/Promocio\u0301-Casernes-Sant-Andreu-01-768x402.jpg 768w, https:\/\/www.garciafaura.com\/wp-content\/uploads\/2019\/09\/Promocio\u0301-Casernes-Sant-Andreu-01-1024x536.jpg 1024w\" sizes=\"auto, (max-width: 1200px) 100vw, 1200px\" \/><\/a><\/div><div class=\"portfolio-entry-details entry-details wpex-clr\"><h2 class=\"portfolio-entry-title entry-title\"><a href=\"https:\/\/www.garciafaura.com\/fr\/portfolio-item\/promotion-casernes-sant-andreu\/\" title=\"Promotion Casernes Sant Andreu\">Promotion Casernes Sant Andreu<\/a><\/h2><div class=\"portfolio-entry-categories entry-categories wpex-clr\"><a href=\"https:\/\/www.garciafaura.com\/fr\/portfolio-category\/ensembles-residentiels\/\" class=\"term-77\">Ensembles r\u00e9sidentiels<\/a><\/div><\/div><\/div><\/div><div class=\"portfolio-entry vcex-grid-item entry-has-details span_1_of_3 col col-1 vcex-isotope-entry vcex-no-margin-entry post-23063 entry type-portfolio has-media cat-77 translation_priority-5\"><div class=\"portfolio-entry-inner entry-inner wpex-clr\"><div class=\"portfolio-entry-media entry-media wpex-clr\"><a href=\"https:\/\/www.garciafaura.com\/wp-content\/uploads\/2019\/09\/Promocio\u0301-Solvia-Sant-Cugat-08.jpg\" title=\"Promotion Solvia Sant Cugat\" class=\"portfolio-entry-media-link wpex-lightbox-gallery\" data-gallery=\"[{&quot;src&quot;:&quot;https:\\\/\\\/www.garciafaura.com\\\/wp-content\\\/uploads\\\/2019\\\/09\\\/Promocio\\u0301-Solvia-Sant-Cugat-08.jpg&quot;},{&quot;src&quot;:&quot;https:\\\/\\\/www.garciafaura.com\\\/wp-content\\\/uploads\\\/2019\\\/09\\\/Promocio\\u0301-Solvia-Sant-Cugat-01.jpg&quot;},{&quot;src&quot;:&quot;https:\\\/\\\/www.garciafaura.com\\\/wp-content\\\/uploads\\\/2019\\\/09\\\/Promocio\\u0301-Solvia-Sant-Cugat-12.jpg&quot;},{&quot;src&quot;:&quot;https:\\\/\\\/www.garciafaura.com\\\/wp-content\\\/uploads\\\/2019\\\/09\\\/Promocio\\u0301-Solvia-Sant-Cugat-11.jpg&quot;},{&quot;src&quot;:&quot;https:\\\/\\\/www.garciafaura.com\\\/wp-content\\\/uploads\\\/2019\\\/09\\\/Promocio\\u0301-Solvia-Sant-Cugat-10.jpg&quot;},{&quot;src&quot;:&quot;https:\\\/\\\/www.garciafaura.com\\\/wp-content\\\/uploads\\\/2019\\\/09\\\/Promocio\\u0301-Solvia-Sant-Cugat-09.jpg&quot;},{&quot;src&quot;:&quot;https:\\\/\\\/www.garciafaura.com\\\/wp-content\\\/uploads\\\/2019\\\/09\\\/Promocio\\u0301-Solvia-Sant-Cugat-07.jpg&quot;},{&quot;src&quot;:&quot;https:\\\/\\\/www.garciafaura.com\\\/wp-content\\\/uploads\\\/2019\\\/09\\\/Promocio\\u0301-Solvia-Sant-Cugat-06.jpg&quot;},{&quot;src&quot;:&quot;https:\\\/\\\/www.garciafaura.com\\\/wp-content\\\/uploads\\\/2019\\\/09\\\/Promocio\\u0301-Solvia-Sant-Cugat-05.jpg&quot;},{&quot;src&quot;:&quot;https:\\\/\\\/www.garciafaura.com\\\/wp-content\\\/uploads\\\/2019\\\/09\\\/Promocio\\u0301-Solvia-Sant-Cugat-04.jpg&quot;},{&quot;src&quot;:&quot;https:\\\/\\\/www.garciafaura.com\\\/wp-content\\\/uploads\\\/2019\\\/09\\\/Promocio\\u0301-Solvia-Sant-Cugat-03.jpg&quot;},{&quot;src&quot;:&quot;https:\\\/\\\/www.garciafaura.com\\\/wp-content\\\/uploads\\\/2019\\\/09\\\/Promocio\\u0301-Solvia-Sant-Cugat-02.jpg&quot;}]\"><img loading=\"lazy\" decoding=\"async\" width=\"1200\" height=\"628\" src=\"https:\/\/www.garciafaura.com\/wp-content\/uploads\/2019\/09\/Promocio\u0301-Solvia-Sant-Cugat-08.jpg\" class=\"portfolio-entry-img skip-lazy\" alt=\"\" data-no-lazy=\"1\" srcset=\"https:\/\/www.garciafaura.com\/wp-content\/uploads\/2019\/09\/Promocio\u0301-Solvia-Sant-Cugat-08.jpg 1200w, https:\/\/www.garciafaura.com\/wp-content\/uploads\/2019\/09\/Promocio\u0301-Solvia-Sant-Cugat-08-300x157.jpg 300w, https:\/\/www.garciafaura.com\/wp-content\/uploads\/2019\/09\/Promocio\u0301-Solvia-Sant-Cugat-08-768x402.jpg 768w, https:\/\/www.garciafaura.com\/wp-content\/uploads\/2019\/09\/Promocio\u0301-Solvia-Sant-Cugat-08-1024x536.jpg 1024w\" sizes=\"auto, (max-width: 1200px) 100vw, 1200px\" \/><\/a><\/div><div class=\"portfolio-entry-details entry-details wpex-clr\"><h2 class=\"portfolio-entry-title entry-title\"><a href=\"https:\/\/www.garciafaura.com\/fr\/portfolio-item\/promotion-crecca-volpelleres\/\" title=\"Promotion Solvia Sant Cugat\">Promotion Solvia Sant Cugat<\/a><\/h2><div class=\"portfolio-entry-categories entry-categories wpex-clr\"><a href=\"https:\/\/www.garciafaura.com\/fr\/portfolio-category\/ensembles-residentiels\/\" class=\"term-77\">Ensembles r\u00e9sidentiels<\/a><\/div><\/div><\/div><\/div><div class=\"portfolio-entry vcex-grid-item entry-has-details span_1_of_3 col col-2 vcex-isotope-entry vcex-no-margin-entry post-23021 entry type-portfolio has-media cat-77 translation_priority-5\"><div class=\"portfolio-entry-inner entry-inner wpex-clr\"><div class=\"portfolio-entry-media entry-media wpex-clr\"><a href=\"https:\/\/www.garciafaura.com\/wp-content\/uploads\/2019\/09\/Promocio\u0301-Marina-Park-01.jpg\" title=\"Promotion Marina Park\" class=\"portfolio-entry-media-link wpex-lightbox-gallery\" data-gallery=\"[{&quot;src&quot;:&quot;https:\\\/\\\/www.garciafaura.com\\\/wp-content\\\/uploads\\\/2019\\\/09\\\/Promocio\\u0301-Marina-Park-01.jpg&quot;},{&quot;src&quot;:&quot;https:\\\/\\\/www.garciafaura.com\\\/wp-content\\\/uploads\\\/2019\\\/09\\\/Promocio\\u0301-Marina-Park-23.jpg&quot;},{&quot;src&quot;:&quot;https:\\\/\\\/www.garciafaura.com\\\/wp-content\\\/uploads\\\/2019\\\/09\\\/Promocio\\u0301-Marina-Park-22.jpg&quot;},{&quot;src&quot;:&quot;https:\\\/\\\/www.garciafaura.com\\\/wp-content\\\/uploads\\\/2019\\\/09\\\/Promocio\\u0301-Marina-Park-21.jpg&quot;},{&quot;src&quot;:&quot;https:\\\/\\\/www.garciafaura.com\\\/wp-content\\\/uploads\\\/2019\\\/09\\\/Promocio\\u0301-Marina-Park-20.jpg&quot;},{&quot;src&quot;:&quot;https:\\\/\\\/www.garciafaura.com\\\/wp-content\\\/uploads\\\/2019\\\/09\\\/Promocio\\u0301-Marina-Park-19.jpg&quot;},{&quot;src&quot;:&quot;https:\\\/\\\/www.garciafaura.com\\\/wp-content\\\/uploads\\\/2019\\\/09\\\/Promocio\\u0301-Marina-Park-18.jpg&quot;},{&quot;src&quot;:&quot;https:\\\/\\\/www.garciafaura.com\\\/wp-content\\\/uploads\\\/2019\\\/09\\\/Promocio\\u0301-Marina-Park-17.jpg&quot;},{&quot;src&quot;:&quot;https:\\\/\\\/www.garciafaura.com\\\/wp-content\\\/uploads\\\/2019\\\/09\\\/Promocio\\u0301-Marina-Park-16.jpg&quot;},{&quot;src&quot;:&quot;https:\\\/\\\/www.garciafaura.com\\\/wp-content\\\/uploads\\\/2019\\\/09\\\/Promocio\\u0301-Marina-Park-15.jpg&quot;},{&quot;src&quot;:&quot;https:\\\/\\\/www.garciafaura.com\\\/wp-content\\\/uploads\\\/2019\\\/09\\\/Promocio\\u0301-Marina-Park-14.jpg&quot;},{&quot;src&quot;:&quot;https:\\\/\\\/www.garciafaura.com\\\/wp-content\\\/uploads\\\/2019\\\/09\\\/Promocio\\u0301-Marina-Park-13.jpg&quot;},{&quot;src&quot;:&quot;https:\\\/\\\/www.garciafaura.com\\\/wp-content\\\/uploads\\\/2019\\\/09\\\/Promocio\\u0301-Marina-Park-12.jpg&quot;},{&quot;src&quot;:&quot;https:\\\/\\\/www.garciafaura.com\\\/wp-content\\\/uploads\\\/2019\\\/09\\\/Promocio\\u0301-Marina-Park-11.jpg&quot;},{&quot;src&quot;:&quot;https:\\\/\\\/www.garciafaura.com\\\/wp-content\\\/uploads\\\/2019\\\/09\\\/Promocio\\u0301-Marina-Park-10.jpg&quot;},{&quot;src&quot;:&quot;https:\\\/\\\/www.garciafaura.com\\\/wp-content\\\/uploads\\\/2019\\\/09\\\/Promocio\\u0301-Marina-Park-09.jpg&quot;},{&quot;src&quot;:&quot;https:\\\/\\\/www.garciafaura.com\\\/wp-content\\\/uploads\\\/2019\\\/09\\\/Promocio\\u0301-Marina-Park-08.jpg&quot;},{&quot;src&quot;:&quot;https:\\\/\\\/www.garciafaura.com\\\/wp-content\\\/uploads\\\/2019\\\/09\\\/Promocio\\u0301-Marina-Park-07.jpg&quot;},{&quot;src&quot;:&quot;https:\\\/\\\/www.garciafaura.com\\\/wp-content\\\/uploads\\\/2019\\\/09\\\/Promocio\\u0301-Marina-Park-06.jpg&quot;},{&quot;src&quot;:&quot;https:\\\/\\\/www.garciafaura.com\\\/wp-content\\\/uploads\\\/2019\\\/09\\\/Promocio\\u0301-Marina-Park-05.jpg&quot;},{&quot;src&quot;:&quot;https:\\\/\\\/www.garciafaura.com\\\/wp-content\\\/uploads\\\/2019\\\/09\\\/Promocio\\u0301-Marina-Park-04.jpg&quot;},{&quot;src&quot;:&quot;https:\\\/\\\/www.garciafaura.com\\\/wp-content\\\/uploads\\\/2019\\\/09\\\/Promocio\\u0301-Marina-Park-03.jpg&quot;},{&quot;src&quot;:&quot;https:\\\/\\\/www.garciafaura.com\\\/wp-content\\\/uploads\\\/2019\\\/09\\\/Promocio\\u0301-Marina-Park-02.jpg&quot;}]\"><img loading=\"lazy\" decoding=\"async\" width=\"1200\" height=\"628\" src=\"https:\/\/www.garciafaura.com\/wp-content\/uploads\/2019\/09\/Promocio\u0301-Marina-Park-01.jpg\" class=\"portfolio-entry-img skip-lazy\" alt=\"\" data-no-lazy=\"1\" srcset=\"https:\/\/www.garciafaura.com\/wp-content\/uploads\/2019\/09\/Promocio\u0301-Marina-Park-01.jpg 1200w, https:\/\/www.garciafaura.com\/wp-content\/uploads\/2019\/09\/Promocio\u0301-Marina-Park-01-300x157.jpg 300w, https:\/\/www.garciafaura.com\/wp-content\/uploads\/2019\/09\/Promocio\u0301-Marina-Park-01-1024x536.jpg 1024w, https:\/\/www.garciafaura.com\/wp-content\/uploads\/2019\/09\/Promocio\u0301-Marina-Park-01-768x402.jpg 768w, https:\/\/www.garciafaura.com\/wp-content\/uploads\/2019\/09\/Promocio\u0301-Marina-Park-01-600x314.jpg 600w\" sizes=\"auto, (max-width: 1200px) 100vw, 1200px\" \/><\/a><\/div><div class=\"portfolio-entry-details entry-details wpex-clr\"><h2 class=\"portfolio-entry-title entry-title\"><a href=\"https:\/\/www.garciafaura.com\/fr\/portfolio-item\/phase-marina-park\/\" title=\"Promotion Marina Park\">Promotion Marina Park<\/a><\/h2><div class=\"portfolio-entry-categories entry-categories wpex-clr\"><a href=\"https:\/\/www.garciafaura.com\/fr\/portfolio-category\/ensembles-residentiels\/\" class=\"term-77\">Ensembles r\u00e9sidentiels<\/a><\/div><\/div><\/div><\/div><div class=\"portfolio-entry vcex-grid-item entry-has-details span_1_of_3 col col-3 vcex-isotope-entry vcex-no-margin-entry post-22919 entry type-portfolio has-media cat-77 translation_priority-5\"><div class=\"portfolio-entry-inner entry-inner wpex-clr\"><div class=\"portfolio-entry-media entry-media wpex-clr\"><a href=\"https:\/\/www.garciafaura.com\/wp-content\/uploads\/2019\/09\/Promocio-Irla-Sitges-02.jpg\" title=\"Promotion Irla Sitges\" class=\"portfolio-entry-media-link wpex-lightbox-gallery\" data-gallery=\"[{&quot;src&quot;:&quot;https:\\\/\\\/www.garciafaura.com\\\/wp-content\\\/uploads\\\/2019\\\/09\\\/Promocio-Irla-Sitges-01.jpg&quot;,&quot;title&quot;:&quot;Fermetures en aluminium et en verre pour ensemble d&#039;appartements \\u00e0 Sitges&quot;},{&quot;src&quot;:&quot;https:\\\/\\\/www.garciafaura.com\\\/wp-content\\\/uploads\\\/2019\\\/09\\\/Promocio-Irla-Sitges-10.jpg&quot;,&quot;title&quot;:&quot;Fermetures en aluminium et en verre pour ensemble d&#039;appartements \\u00e0 Sitges&quot;},{&quot;src&quot;:&quot;https:\\\/\\\/www.garciafaura.com\\\/wp-content\\\/uploads\\\/2019\\\/09\\\/Promocio-Irla-Sitges-09.jpg&quot;,&quot;title&quot;:&quot;Fermetures en aluminium et en verre pour ensemble d&#039;appartements \\u00e0 Sitges&quot;},{&quot;src&quot;:&quot;https:\\\/\\\/www.garciafaura.com\\\/wp-content\\\/uploads\\\/2019\\\/09\\\/Promocio-Irla-Sitges-08.jpg&quot;,&quot;title&quot;:&quot;Fermetures en aluminium et en verre pour ensemble d&#039;appartements \\u00e0 Sitges&quot;},{&quot;src&quot;:&quot;https:\\\/\\\/www.garciafaura.com\\\/wp-content\\\/uploads\\\/2019\\\/09\\\/Promocio-Irla-Sitges-07.jpg&quot;,&quot;title&quot;:&quot;Fermetures en aluminium et en verre pour ensemble d&#039;appartements \\u00e0 Sitges&quot;},{&quot;src&quot;:&quot;https:\\\/\\\/www.garciafaura.com\\\/wp-content\\\/uploads\\\/2019\\\/09\\\/Promocio-Irla-Sitges-06.jpg&quot;,&quot;title&quot;:&quot;Fermetures en aluminium et en verre pour ensemble d&#039;appartements \\u00e0 Sitges&quot;},{&quot;src&quot;:&quot;https:\\\/\\\/www.garciafaura.com\\\/wp-content\\\/uploads\\\/2019\\\/09\\\/Promocio-Irla-Sitges-05.jpg&quot;,&quot;title&quot;:&quot;Fermetures en aluminium et en verre pour ensemble d&#039;appartements \\u00e0 Sitges&quot;},{&quot;src&quot;:&quot;https:\\\/\\\/www.garciafaura.com\\\/wp-content\\\/uploads\\\/2019\\\/09\\\/Promocio-Irla-Sitges-04.jpg&quot;,&quot;title&quot;:&quot;Fermetures en aluminium et en verre pour ensemble d&#039;appartements \\u00e0 Sitges&quot;},{&quot;src&quot;:&quot;https:\\\/\\\/www.garciafaura.com\\\/wp-content\\\/uploads\\\/2019\\\/09\\\/Promocio-Irla-Sitges-03.jpg&quot;,&quot;title&quot;:&quot;Fermetures en aluminium et en verre pour ensemble d&#039;appartements \\u00e0 Sitges&quot;},{&quot;src&quot;:&quot;https:\\\/\\\/www.garciafaura.com\\\/wp-content\\\/uploads\\\/2019\\\/09\\\/Promocio-Irla-Sitges-02.jpg&quot;,&quot;title&quot;:&quot;Fermetures en aluminium et en verre pour ensemble d&#039;appartements \\u00e0 Sitges&quot;}]\"><img loading=\"lazy\" decoding=\"async\" width=\"1200\" height=\"628\" src=\"https:\/\/www.garciafaura.com\/wp-content\/uploads\/2019\/09\/Promocio-Irla-Sitges-02.jpg\" class=\"portfolio-entry-img skip-lazy\" alt=\"Fermetures en aluminium et en verre pour ensemble d&#039;appartements \u00e0 Sitges\" data-no-lazy=\"1\" srcset=\"https:\/\/www.garciafaura.com\/wp-content\/uploads\/2019\/09\/Promocio-Irla-Sitges-02.jpg 1200w, https:\/\/www.garciafaura.com\/wp-content\/uploads\/2019\/09\/Promocio-Irla-Sitges-02-300x157.jpg 300w, https:\/\/www.garciafaura.com\/wp-content\/uploads\/2019\/09\/Promocio-Irla-Sitges-02-768x402.jpg 768w, https:\/\/www.garciafaura.com\/wp-content\/uploads\/2019\/09\/Promocio-Irla-Sitges-02-1024x536.jpg 1024w\" sizes=\"auto, (max-width: 1200px) 100vw, 1200px\" \/><\/a><\/div><div class=\"portfolio-entry-details entry-details wpex-clr\"><h2 class=\"portfolio-entry-title entry-title\"><a href=\"https:\/\/www.garciafaura.com\/fr\/portfolio-item\/promotion-irla-sitges\/\" title=\"Promotion Irla Sitges\">Promotion Irla Sitges<\/a><\/h2><div class=\"portfolio-entry-categories entry-categories wpex-clr\"><a href=\"https:\/\/www.garciafaura.com\/fr\/portfolio-category\/ensembles-residentiels\/\" class=\"term-77\">Ensembles r\u00e9sidentiels<\/a><\/div><\/div><\/div><\/div><div class=\"portfolio-entry vcex-grid-item entry-has-details span_1_of_3 col col-1 vcex-isotope-entry vcex-no-margin-entry post-22705 entry type-portfolio has-media cat-77 translation_priority-5\"><div class=\"portfolio-entry-inner entry-inner wpex-clr\"><div class=\"portfolio-entry-media entry-media wpex-clr\"><a href=\"https:\/\/www.garciafaura.com\/wp-content\/uploads\/2019\/07\/Promocio\u0301-Mago\u0300ria-02.jpg\" title=\"Promotion Mag\u00f2ria\" class=\"portfolio-entry-media-link wpex-lightbox-gallery\" data-gallery=\"[{&quot;src&quot;:&quot;https:\\\/\\\/www.garciafaura.com\\\/wp-content\\\/uploads\\\/2019\\\/07\\\/Promocio\\u0301-Mago\\u0300ria-01.jpg&quot;,&quot;title&quot;:&quot;D\\u00e9veloppement de placages pour fa\\u00e7ades, fermetures en aluminium et verrierie dans un immeuble r\\u00e9sidentiel \\u00e0 Barcelone&quot;},{&quot;src&quot;:&quot;https:\\\/\\\/www.garciafaura.com\\\/wp-content\\\/uploads\\\/2019\\\/07\\\/Promocio\\u0301-Mago\\u0300ria-08.jpg&quot;,&quot;title&quot;:&quot;D\\u00e9veloppement de placages pour fa\\u00e7ades, fermetures en aluminium et verrierie dans un immeuble r\\u00e9sidentiel \\u00e0 Barcelone&quot;},{&quot;src&quot;:&quot;https:\\\/\\\/www.garciafaura.com\\\/wp-content\\\/uploads\\\/2019\\\/07\\\/Promocio\\u0301-Mago\\u0300ria-07.jpg&quot;,&quot;title&quot;:&quot;D\\u00e9veloppement de placages pour fa\\u00e7ades, fermetures en aluminium et verrierie dans un immeuble r\\u00e9sidentiel \\u00e0 Barcelone&quot;},{&quot;src&quot;:&quot;https:\\\/\\\/www.garciafaura.com\\\/wp-content\\\/uploads\\\/2019\\\/07\\\/Promocio\\u0301-Mago\\u0300ria-06.jpg&quot;,&quot;title&quot;:&quot;D\\u00e9veloppement de placages pour fa\\u00e7ades, fermetures en aluminium et verrierie dans un immeuble r\\u00e9sidentiel \\u00e0 Barcelone&quot;},{&quot;src&quot;:&quot;https:\\\/\\\/www.garciafaura.com\\\/wp-content\\\/uploads\\\/2019\\\/07\\\/Promocio\\u0301-Mago\\u0300ria-05.jpg&quot;,&quot;title&quot;:&quot;D\\u00e9veloppement de placages pour fa\\u00e7ades, fermetures en aluminium et verrierie dans un immeuble r\\u00e9sidentiel \\u00e0 Barcelone&quot;},{&quot;src&quot;:&quot;https:\\\/\\\/www.garciafaura.com\\\/wp-content\\\/uploads\\\/2019\\\/07\\\/Promocio\\u0301-Mago\\u0300ria-04.jpg&quot;,&quot;title&quot;:&quot;D\\u00e9veloppement de placages pour fa\\u00e7ades, fermetures en aluminium et verrierie dans un immeuble r\\u00e9sidentiel \\u00e0 Barcelone&quot;},{&quot;src&quot;:&quot;https:\\\/\\\/www.garciafaura.com\\\/wp-content\\\/uploads\\\/2019\\\/07\\\/Promocio\\u0301-Mago\\u0300ria-03.jpg&quot;,&quot;title&quot;:&quot;D\\u00e9veloppement de placages pour fa\\u00e7ades, fermetures en aluminium et verrierie dans un immeuble r\\u00e9sidentiel \\u00e0 Barcelone&quot;},{&quot;src&quot;:&quot;https:\\\/\\\/www.garciafaura.com\\\/wp-content\\\/uploads\\\/2019\\\/07\\\/Promocio\\u0301-Mago\\u0300ria-02.jpg&quot;,&quot;title&quot;:&quot;D\\u00e9veloppement de placages pour fa\\u00e7ades, fermetures en aluminium et verrierie dans un immeuble r\\u00e9sidentiel \\u00e0 Barcelone&quot;}]\"><img loading=\"lazy\" decoding=\"async\" width=\"1200\" height=\"628\" src=\"https:\/\/www.garciafaura.com\/wp-content\/uploads\/2019\/07\/Promocio\u0301-Mago\u0300ria-02.jpg\" class=\"portfolio-entry-img skip-lazy\" alt=\"D\u00e9veloppement de placages pour fa\u00e7ades, fermetures en aluminium et verrierie dans un immeuble r\u00e9sidentiel \u00e0 Barcelone\" data-no-lazy=\"1\" srcset=\"https:\/\/www.garciafaura.com\/wp-content\/uploads\/2019\/07\/Promocio\u0301-Mago\u0300ria-02.jpg 1200w, https:\/\/www.garciafaura.com\/wp-content\/uploads\/2019\/07\/Promocio\u0301-Mago\u0300ria-02-300x157.jpg 300w, https:\/\/www.garciafaura.com\/wp-content\/uploads\/2019\/07\/Promocio\u0301-Mago\u0300ria-02-768x402.jpg 768w, https:\/\/www.garciafaura.com\/wp-content\/uploads\/2019\/07\/Promocio\u0301-Mago\u0300ria-02-1024x536.jpg 1024w\" sizes=\"auto, (max-width: 1200px) 100vw, 1200px\" \/><\/a><\/div><div class=\"portfolio-entry-details entry-details wpex-clr\"><h2 class=\"portfolio-entry-title entry-title\"><a href=\"https:\/\/www.garciafaura.com\/fr\/portfolio-item\/promotion-magoria\/\" title=\"Promotion Mag\u00f2ria\">Promotion Mag\u00f2ria<\/a><\/h2><div class=\"portfolio-entry-categories entry-categories wpex-clr\"><a href=\"https:\/\/www.garciafaura.com\/fr\/portfolio-category\/ensembles-residentiels\/\" class=\"term-77\">Ensembles r\u00e9sidentiels<\/a><\/div><\/div><\/div><\/div><div class=\"portfolio-entry vcex-grid-item entry-has-details span_1_of_3 col col-2 vcex-isotope-entry vcex-no-margin-entry post-22628 entry type-portfolio has-media cat-77 translation_priority-5\"><div class=\"portfolio-entry-inner entry-inner wpex-clr\"><div class=\"portfolio-entry-media entry-media wpex-clr\"><a href=\"https:\/\/www.garciafaura.com\/wp-content\/uploads\/2019\/07\/12928-01.jpg\" title=\"Promotion Granollers\" class=\"portfolio-entry-media-link wpex-lightbox-gallery\" data-gallery=\"[{&quot;src&quot;:&quot;https:\\\/\\\/www.garciafaura.com\\\/wp-content\\\/uploads\\\/2019\\\/07\\\/12928-01.jpg&quot;,&quot;title&quot;:&quot;Fermetures pour b\\u00e2timents r\\u00e9sidentiels \\u00e0 Granollers&quot;},{&quot;src&quot;:&quot;https:\\\/\\\/www.garciafaura.com\\\/wp-content\\\/uploads\\\/2019\\\/07\\\/12928-12.jpg&quot;,&quot;title&quot;:&quot;Fermetures pour b\\u00e2timents r\\u00e9sidentiels \\u00e0 Granollers&quot;},{&quot;src&quot;:&quot;https:\\\/\\\/www.garciafaura.com\\\/wp-content\\\/uploads\\\/2019\\\/07\\\/12928-11.jpg&quot;,&quot;title&quot;:&quot;Fermetures pour b\\u00e2timents r\\u00e9sidentiels \\u00e0 Granollers&quot;},{&quot;src&quot;:&quot;https:\\\/\\\/www.garciafaura.com\\\/wp-content\\\/uploads\\\/2019\\\/07\\\/12928-10.jpg&quot;,&quot;title&quot;:&quot;Fermetures pour b\\u00e2timents r\\u00e9sidentiels \\u00e0 Granollers&quot;},{&quot;src&quot;:&quot;https:\\\/\\\/www.garciafaura.com\\\/wp-content\\\/uploads\\\/2019\\\/07\\\/12928-09.jpg&quot;,&quot;title&quot;:&quot;Fermetures pour b\\u00e2timents r\\u00e9sidentiels \\u00e0 Granollers&quot;},{&quot;src&quot;:&quot;https:\\\/\\\/www.garciafaura.com\\\/wp-content\\\/uploads\\\/2019\\\/07\\\/12928-07.jpg&quot;,&quot;title&quot;:&quot;Fermetures pour b\\u00e2timents r\\u00e9sidentiels \\u00e0 Granollers&quot;},{&quot;src&quot;:&quot;https:\\\/\\\/www.garciafaura.com\\\/wp-content\\\/uploads\\\/2019\\\/07\\\/12928-06.jpg&quot;,&quot;title&quot;:&quot;Fermetures pour b\\u00e2timents r\\u00e9sidentiels \\u00e0 Granollers&quot;},{&quot;src&quot;:&quot;https:\\\/\\\/www.garciafaura.com\\\/wp-content\\\/uploads\\\/2019\\\/07\\\/12928-05.jpg&quot;,&quot;title&quot;:&quot;Fermetures pour b\\u00e2timents r\\u00e9sidentiels \\u00e0 Granollers&quot;},{&quot;src&quot;:&quot;https:\\\/\\\/www.garciafaura.com\\\/wp-content\\\/uploads\\\/2019\\\/07\\\/12928-04.jpg&quot;,&quot;title&quot;:&quot;Fermetures pour b\\u00e2timents r\\u00e9sidentiels \\u00e0 Granollers&quot;},{&quot;src&quot;:&quot;https:\\\/\\\/www.garciafaura.com\\\/wp-content\\\/uploads\\\/2019\\\/07\\\/12928-03.jpg&quot;,&quot;title&quot;:&quot;Fermetures pour b\\u00e2timents r\\u00e9sidentiels \\u00e0 Granollers&quot;},{&quot;src&quot;:&quot;https:\\\/\\\/www.garciafaura.com\\\/wp-content\\\/uploads\\\/2019\\\/07\\\/12928-02.jpg&quot;,&quot;title&quot;:&quot;Fermetures pour b\\u00e2timents r\\u00e9sidentiels \\u00e0 Granollers&quot;}]\"><img loading=\"lazy\" decoding=\"async\" width=\"1200\" height=\"628\" src=\"https:\/\/www.garciafaura.com\/wp-content\/uploads\/2019\/07\/12928-01.jpg\" class=\"portfolio-entry-img skip-lazy\" alt=\"Fermetures pour b\u00e2timents r\u00e9sidentiels \u00e0 Granollers\" data-no-lazy=\"1\" srcset=\"https:\/\/www.garciafaura.com\/wp-content\/uploads\/2019\/07\/12928-01.jpg 1200w, https:\/\/www.garciafaura.com\/wp-content\/uploads\/2019\/07\/12928-01-300x157.jpg 300w, https:\/\/www.garciafaura.com\/wp-content\/uploads\/2019\/07\/12928-01-768x402.jpg 768w, https:\/\/www.garciafaura.com\/wp-content\/uploads\/2019\/07\/12928-01-1024x536.jpg 1024w\" sizes=\"auto, (max-width: 1200px) 100vw, 1200px\" \/><\/a><\/div><div class=\"portfolio-entry-details entry-details wpex-clr\"><h2 class=\"portfolio-entry-title entry-title\"><a href=\"https:\/\/www.garciafaura.com\/fr\/portfolio-item\/promotion-granollers\/\" title=\"Promotion Granollers\">Promotion Granollers<\/a><\/h2><div class=\"portfolio-entry-categories entry-categories wpex-clr\"><a href=\"https:\/\/www.garciafaura.com\/fr\/portfolio-category\/ensembles-residentiels\/\" class=\"term-77\">Ensembles r\u00e9sidentiels<\/a><\/div><\/div><\/div><\/div><div class=\"portfolio-entry vcex-grid-item entry-has-details span_1_of_3 col col-3 vcex-isotope-entry vcex-no-margin-entry post-22559 entry type-portfolio has-media cat-77 translation_priority-5\"><div class=\"portfolio-entry-inner entry-inner wpex-clr\"><div class=\"portfolio-entry-media entry-media wpex-clr\"><a href=\"https:\/\/www.garciafaura.com\/wp-content\/uploads\/2019\/07\/PROMOCIO-SANT-BOI-GAIA\u0300-01.jpg\" title=\"Promotion Sant Boi Park II\" class=\"portfolio-entry-media-link wpex-lightbox-gallery\" data-gallery=\"[{&quot;src&quot;:&quot;https:\\\/\\\/www.garciafaura.com\\\/wp-content\\\/uploads\\\/2019\\\/07\\\/PROMOCIO-SANT-BOI-GAIA\\u0300-01.jpg&quot;},{&quot;src&quot;:&quot;https:\\\/\\\/www.garciafaura.com\\\/wp-content\\\/uploads\\\/2019\\\/07\\\/PROMOCIO-SANT-BOI-GAIA\\u0300-19.jpg&quot;},{&quot;src&quot;:&quot;https:\\\/\\\/www.garciafaura.com\\\/wp-content\\\/uploads\\\/2019\\\/07\\\/PROMOCIO-SANT-BOI-GAIA\\u0300-18.jpg&quot;},{&quot;src&quot;:&quot;https:\\\/\\\/www.garciafaura.com\\\/wp-content\\\/uploads\\\/2019\\\/07\\\/PROMOCIO-SANT-BOI-GAIA\\u0300-17.jpg&quot;},{&quot;src&quot;:&quot;https:\\\/\\\/www.garciafaura.com\\\/wp-content\\\/uploads\\\/2019\\\/07\\\/PROMOCIO-SANT-BOI-GAIA\\u0300-16.jpg&quot;},{&quot;src&quot;:&quot;https:\\\/\\\/www.garciafaura.com\\\/wp-content\\\/uploads\\\/2019\\\/07\\\/PROMOCIO-SANT-BOI-GAIA\\u0300-15.jpg&quot;},{&quot;src&quot;:&quot;https:\\\/\\\/www.garciafaura.com\\\/wp-content\\\/uploads\\\/2019\\\/07\\\/PROMOCIO-SANT-BOI-GAIA\\u0300-14.jpg&quot;},{&quot;src&quot;:&quot;https:\\\/\\\/www.garciafaura.com\\\/wp-content\\\/uploads\\\/2019\\\/07\\\/PROMOCIO-SANT-BOI-GAIA\\u0300-13.jpg&quot;},{&quot;src&quot;:&quot;https:\\\/\\\/www.garciafaura.com\\\/wp-content\\\/uploads\\\/2019\\\/07\\\/PROMOCIO-SANT-BOI-GAIA\\u0300-12.jpg&quot;},{&quot;src&quot;:&quot;https:\\\/\\\/www.garciafaura.com\\\/wp-content\\\/uploads\\\/2019\\\/07\\\/PROMOCIO-SANT-BOI-GAIA\\u0300-11.jpg&quot;},{&quot;src&quot;:&quot;https:\\\/\\\/www.garciafaura.com\\\/wp-content\\\/uploads\\\/2019\\\/07\\\/PROMOCIO-SANT-BOI-GAIA\\u0300-10.jpg&quot;},{&quot;src&quot;:&quot;https:\\\/\\\/www.garciafaura.com\\\/wp-content\\\/uploads\\\/2019\\\/07\\\/PROMOCIO-SANT-BOI-GAIA\\u0300-09.jpg&quot;},{&quot;src&quot;:&quot;https:\\\/\\\/www.garciafaura.com\\\/wp-content\\\/uploads\\\/2019\\\/07\\\/PROMOCIO-SANT-BOI-GAIA\\u0300-08.jpg&quot;},{&quot;src&quot;:&quot;https:\\\/\\\/www.garciafaura.com\\\/wp-content\\\/uploads\\\/2019\\\/07\\\/PROMOCIO-SANT-BOI-GAIA\\u0300-07.jpg&quot;},{&quot;src&quot;:&quot;https:\\\/\\\/www.garciafaura.com\\\/wp-content\\\/uploads\\\/2019\\\/07\\\/PROMOCIO-SANT-BOI-GAIA\\u0300-06.jpg&quot;},{&quot;src&quot;:&quot;https:\\\/\\\/www.garciafaura.com\\\/wp-content\\\/uploads\\\/2019\\\/07\\\/PROMOCIO-SANT-BOI-GAIA\\u0300-05.jpg&quot;},{&quot;src&quot;:&quot;https:\\\/\\\/www.garciafaura.com\\\/wp-content\\\/uploads\\\/2019\\\/07\\\/PROMOCIO-SANT-BOI-GAIA\\u0300-04.jpg&quot;},{&quot;src&quot;:&quot;https:\\\/\\\/www.garciafaura.com\\\/wp-content\\\/uploads\\\/2019\\\/07\\\/PROMOCIO-SANT-BOI-GAIA\\u0300-03.jpg&quot;},{&quot;src&quot;:&quot;https:\\\/\\\/www.garciafaura.com\\\/wp-content\\\/uploads\\\/2019\\\/07\\\/PROMOCIO-SANT-BOI-GAIA\\u0300-02.jpg&quot;}]\"><img loading=\"lazy\" decoding=\"async\" width=\"1200\" height=\"628\" src=\"https:\/\/www.garciafaura.com\/wp-content\/uploads\/2019\/07\/PROMOCIO-SANT-BOI-GAIA\u0300-01.jpg\" class=\"portfolio-entry-img skip-lazy\" alt=\"\" data-no-lazy=\"1\" srcset=\"https:\/\/www.garciafaura.com\/wp-content\/uploads\/2019\/07\/PROMOCIO-SANT-BOI-GAIA\u0300-01.jpg 1200w, https:\/\/www.garciafaura.com\/wp-content\/uploads\/2019\/07\/PROMOCIO-SANT-BOI-GAIA\u0300-01-300x157.jpg 300w, https:\/\/www.garciafaura.com\/wp-content\/uploads\/2019\/07\/PROMOCIO-SANT-BOI-GAIA\u0300-01-768x402.jpg 768w, https:\/\/www.garciafaura.com\/wp-content\/uploads\/2019\/07\/PROMOCIO-SANT-BOI-GAIA\u0300-01-1024x536.jpg 1024w\" sizes=\"auto, (max-width: 1200px) 100vw, 1200px\" \/><\/a><\/div><div class=\"portfolio-entry-details entry-details wpex-clr\"><h2 class=\"portfolio-entry-title entry-title\"><a href=\"https:\/\/www.garciafaura.com\/fr\/portfolio-item\/promotion-sant-boi-park-ii\/\" title=\"Promotion Sant Boi Park II\">Promotion Sant Boi Park II<\/a><\/h2><div class=\"portfolio-entry-categories entry-categories wpex-clr\"><a href=\"https:\/\/www.garciafaura.com\/fr\/portfolio-category\/ensembles-residentiels\/\" class=\"term-77\">Ensembles r\u00e9sidentiels<\/a><\/div><\/div><\/div><\/div><div class=\"portfolio-entry vcex-grid-item entry-has-details span_1_of_3 col col-1 vcex-isotope-entry vcex-no-margin-entry post-22514 entry type-portfolio has-media cat-77 cat-91 translation_priority-5\"><div class=\"portfolio-entry-inner entry-inner wpex-clr\"><div class=\"portfolio-entry-media entry-media wpex-clr\"><a href=\"https:\/\/www.garciafaura.com\/wp-content\/uploads\/2019\/07\/1.jpg\" title=\"Promotion Kronos Badalona\" class=\"portfolio-entry-media-link wpex-lightbox-gallery\" data-gallery=\"[{&quot;src&quot;:&quot;https:\\\/\\\/www.garciafaura.com\\\/wp-content\\\/uploads\\\/2019\\\/07\\\/1.jpg&quot;},{&quot;src&quot;:&quot;https:\\\/\\\/www.garciafaura.com\\\/wp-content\\\/uploads\\\/2019\\\/07\\\/18.jpg&quot;},{&quot;src&quot;:&quot;https:\\\/\\\/www.garciafaura.com\\\/wp-content\\\/uploads\\\/2019\\\/07\\\/17.jpg&quot;},{&quot;src&quot;:&quot;https:\\\/\\\/www.garciafaura.com\\\/wp-content\\\/uploads\\\/2019\\\/07\\\/16.jpg&quot;},{&quot;src&quot;:&quot;https:\\\/\\\/www.garciafaura.com\\\/wp-content\\\/uploads\\\/2019\\\/07\\\/15.jpg&quot;},{&quot;src&quot;:&quot;https:\\\/\\\/www.garciafaura.com\\\/wp-content\\\/uploads\\\/2019\\\/07\\\/14.jpg&quot;},{&quot;src&quot;:&quot;https:\\\/\\\/www.garciafaura.com\\\/wp-content\\\/uploads\\\/2019\\\/07\\\/13.jpg&quot;},{&quot;src&quot;:&quot;https:\\\/\\\/www.garciafaura.com\\\/wp-content\\\/uploads\\\/2019\\\/07\\\/12.jpg&quot;},{&quot;src&quot;:&quot;https:\\\/\\\/www.garciafaura.com\\\/wp-content\\\/uploads\\\/2019\\\/07\\\/11.jpg&quot;},{&quot;src&quot;:&quot;https:\\\/\\\/www.garciafaura.com\\\/wp-content\\\/uploads\\\/2019\\\/07\\\/10.jpg&quot;},{&quot;src&quot;:&quot;https:\\\/\\\/www.garciafaura.com\\\/wp-content\\\/uploads\\\/2019\\\/07\\\/9.jpg&quot;},{&quot;src&quot;:&quot;https:\\\/\\\/www.garciafaura.com\\\/wp-content\\\/uploads\\\/2019\\\/07\\\/8.jpg&quot;},{&quot;src&quot;:&quot;https:\\\/\\\/www.garciafaura.com\\\/wp-content\\\/uploads\\\/2019\\\/07\\\/7.jpg&quot;},{&quot;src&quot;:&quot;https:\\\/\\\/www.garciafaura.com\\\/wp-content\\\/uploads\\\/2019\\\/07\\\/6.jpg&quot;},{&quot;src&quot;:&quot;https:\\\/\\\/www.garciafaura.com\\\/wp-content\\\/uploads\\\/2019\\\/07\\\/5.jpg&quot;},{&quot;src&quot;:&quot;https:\\\/\\\/www.garciafaura.com\\\/wp-content\\\/uploads\\\/2019\\\/07\\\/4.jpg&quot;},{&quot;src&quot;:&quot;https:\\\/\\\/www.garciafaura.com\\\/wp-content\\\/uploads\\\/2019\\\/07\\\/3.jpg&quot;},{&quot;src&quot;:&quot;https:\\\/\\\/www.garciafaura.com\\\/wp-content\\\/uploads\\\/2019\\\/07\\\/2.jpg&quot;}]\"><img loading=\"lazy\" decoding=\"async\" width=\"1200\" height=\"628\" src=\"https:\/\/www.garciafaura.com\/wp-content\/uploads\/2019\/07\/1.jpg\" class=\"portfolio-entry-img skip-lazy\" alt=\"\" data-no-lazy=\"1\" srcset=\"https:\/\/www.garciafaura.com\/wp-content\/uploads\/2019\/07\/1.jpg 1200w, https:\/\/www.garciafaura.com\/wp-content\/uploads\/2019\/07\/1-300x157.jpg 300w, https:\/\/www.garciafaura.com\/wp-content\/uploads\/2019\/07\/1-768x402.jpg 768w, https:\/\/www.garciafaura.com\/wp-content\/uploads\/2019\/07\/1-1024x536.jpg 1024w\" sizes=\"auto, (max-width: 1200px) 100vw, 1200px\" \/><\/a><\/div><div class=\"portfolio-entry-details entry-details wpex-clr\"><h2 class=\"portfolio-entry-title entry-title\"><a href=\"https:\/\/www.garciafaura.com\/fr\/portfolio-item\/promotion-kronos-badalona\/\" title=\"Promotion Kronos Badalona\">Promotion Kronos Badalona<\/a><\/h2><div class=\"portfolio-entry-categories entry-categories wpex-clr\"><a href=\"https:\/\/www.garciafaura.com\/fr\/portfolio-category\/ensembles-residentiels\/\" class=\"term-77\">Ensembles r\u00e9sidentiels<\/a><\/div><\/div><\/div><\/div><div class=\"portfolio-entry vcex-grid-item entry-has-details span_1_of_3 col col-2 vcex-isotope-entry vcex-no-margin-entry post-22410 entry type-portfolio has-media cat-77 translation_priority-5\"><div class=\"portfolio-entry-inner entry-inner wpex-clr\"><div class=\"portfolio-entry-media entry-media wpex-clr\"><a href=\"https:\/\/www.garciafaura.com\/wp-content\/uploads\/2019\/06\/12617-01.jpg\" title=\"Promotions Ronda Sant Ramon\" class=\"portfolio-entry-media-link wpex-lightbox-gallery\" data-gallery=\"[{&quot;src&quot;:&quot;https:\\\/\\\/www.garciafaura.com\\\/wp-content\\\/uploads\\\/2019\\\/06\\\/12617-01.jpg&quot;,&quot;title&quot;:&quot;Fermetures en aluminium et verre associ\\u00e9s \\u00e0 des promotions \\u00e0 Sant Boi de Llobregat&quot;},{&quot;src&quot;:&quot;https:\\\/\\\/www.garciafaura.com\\\/wp-content\\\/uploads\\\/2019\\\/06\\\/12617-08.jpg&quot;,&quot;title&quot;:&quot;Fermetures en aluminium et verre associ\\u00e9s \\u00e0 des promotions \\u00e0 Sant Boi de Llobregat&quot;},{&quot;src&quot;:&quot;https:\\\/\\\/www.garciafaura.com\\\/wp-content\\\/uploads\\\/2019\\\/06\\\/12617-07.jpg&quot;,&quot;title&quot;:&quot;Fermetures en aluminium et verre associ\\u00e9s \\u00e0 des promotions \\u00e0 Sant Boi de Llobregat&quot;},{&quot;src&quot;:&quot;https:\\\/\\\/www.garciafaura.com\\\/wp-content\\\/uploads\\\/2019\\\/06\\\/12617-06.jpg&quot;,&quot;title&quot;:&quot;Fermetures en aluminium et verre associ\\u00e9s \\u00e0 des promotions \\u00e0 Sant Boi de Llobregat&quot;},{&quot;src&quot;:&quot;https:\\\/\\\/www.garciafaura.com\\\/wp-content\\\/uploads\\\/2019\\\/06\\\/12617-05.jpg&quot;,&quot;title&quot;:&quot;Fermetures en aluminium et verre associ\\u00e9s \\u00e0 des promotions \\u00e0 Sant Boi de Llobregat&quot;},{&quot;src&quot;:&quot;https:\\\/\\\/www.garciafaura.com\\\/wp-content\\\/uploads\\\/2019\\\/06\\\/12617-04.jpg&quot;,&quot;title&quot;:&quot;Fermetures en aluminium et verre associ\\u00e9s \\u00e0 des promotions \\u00e0 Sant Boi de Llobregat&quot;},{&quot;src&quot;:&quot;https:\\\/\\\/www.garciafaura.com\\\/wp-content\\\/uploads\\\/2019\\\/06\\\/12617-03.jpg&quot;,&quot;title&quot;:&quot;Fermetures en aluminium et verre associ\\u00e9s \\u00e0 des promotions \\u00e0 Sant Boi de Llobregat&quot;},{&quot;src&quot;:&quot;https:\\\/\\\/www.garciafaura.com\\\/wp-content\\\/uploads\\\/2019\\\/06\\\/12617-02.jpg&quot;,&quot;title&quot;:&quot;Fermetures en aluminium et verre associ\\u00e9s \\u00e0 des promotions \\u00e0 Sant Boi de Llobregat&quot;}]\"><img loading=\"lazy\" decoding=\"async\" width=\"1200\" height=\"628\" src=\"https:\/\/www.garciafaura.com\/wp-content\/uploads\/2019\/06\/12617-01.jpg\" class=\"portfolio-entry-img skip-lazy\" alt=\"Fermetures en aluminium et verre associ\u00e9s \u00e0 des promotions \u00e0 Sant Boi de Llobregat\" data-no-lazy=\"1\" srcset=\"https:\/\/www.garciafaura.com\/wp-content\/uploads\/2019\/06\/12617-01.jpg 1200w, https:\/\/www.garciafaura.com\/wp-content\/uploads\/2019\/06\/12617-01-300x157.jpg 300w, https:\/\/www.garciafaura.com\/wp-content\/uploads\/2019\/06\/12617-01-768x402.jpg 768w, https:\/\/www.garciafaura.com\/wp-content\/uploads\/2019\/06\/12617-01-1024x536.jpg 1024w\" sizes=\"auto, (max-width: 1200px) 100vw, 1200px\" \/><\/a><\/div><div class=\"portfolio-entry-details entry-details wpex-clr\"><h2 class=\"portfolio-entry-title entry-title\"><a href=\"https:\/\/www.garciafaura.com\/fr\/portfolio-item\/promotions-ronda-sant-ramon\/\" title=\"Promotions Ronda Sant Ramon\">Promotions Ronda Sant Ramon<\/a><\/h2><div class=\"portfolio-entry-categories entry-categories wpex-clr\"><a href=\"https:\/\/www.garciafaura.com\/fr\/portfolio-category\/ensembles-residentiels\/\" class=\"term-77\">Ensembles r\u00e9sidentiels<\/a><\/div><\/div><\/div><\/div><div class=\"portfolio-entry vcex-grid-item entry-has-details span_1_of_3 col col-3 vcex-isotope-entry vcex-no-margin-entry post-21495 entry type-portfolio has-media cat-77 translation_priority-5\"><div class=\"portfolio-entry-inner entry-inner wpex-clr\"><div class=\"portfolio-entry-media entry-media wpex-clr\"><a href=\"https:\/\/www.garciafaura.com\/wp-content\/uploads\/2019\/04\/Promocio\u0301-Fort-Pienc-04.jpg\" title=\"Promotion Fort Pienc\" class=\"portfolio-entry-media-link wpex-lightbox-gallery\" data-gallery=\"[{&quot;src&quot;:&quot;https:\\\/\\\/www.garciafaura.com\\\/wp-content\\\/uploads\\\/2019\\\/04\\\/Promocio\\u0301-Fort-Pienc-01.jpg&quot;,&quot;title&quot;:&quot;Promoci\\u00f3 Fort Pienc&quot;},{&quot;src&quot;:&quot;https:\\\/\\\/www.garciafaura.com\\\/wp-content\\\/uploads\\\/2019\\\/04\\\/Promocio\\u0301-Fort-Pienc-07.jpg&quot;,&quot;title&quot;:&quot;Promoci\\u00f3 Fort Pienc&quot;},{&quot;src&quot;:&quot;https:\\\/\\\/www.garciafaura.com\\\/wp-content\\\/uploads\\\/2019\\\/04\\\/Promocio\\u0301-Fort-Pienc-06.jpg&quot;,&quot;title&quot;:&quot;Promoci\\u00f3 Fort Pienc&quot;},{&quot;src&quot;:&quot;https:\\\/\\\/www.garciafaura.com\\\/wp-content\\\/uploads\\\/2019\\\/04\\\/Promocio\\u0301-Fort-Pienc-05.jpg&quot;,&quot;title&quot;:&quot;Promoci\\u00f3 Fort Pienc&quot;},{&quot;src&quot;:&quot;https:\\\/\\\/www.garciafaura.com\\\/wp-content\\\/uploads\\\/2019\\\/04\\\/Promocio\\u0301-Fort-Pienc-04.jpg&quot;,&quot;title&quot;:&quot;Promoci\\u00f3 Fort Pienc&quot;},{&quot;src&quot;:&quot;https:\\\/\\\/www.garciafaura.com\\\/wp-content\\\/uploads\\\/2019\\\/04\\\/Promocio\\u0301-Fort-Pienc-03.jpg&quot;,&quot;title&quot;:&quot;Promoci\\u00f3 Fort Pienc&quot;},{&quot;src&quot;:&quot;https:\\\/\\\/www.garciafaura.com\\\/wp-content\\\/uploads\\\/2019\\\/04\\\/Promocio\\u0301-Fort-Pienc-02.jpg&quot;,&quot;title&quot;:&quot;Promoci\\u00f3 Fort Pienc&quot;}]\"><img loading=\"lazy\" decoding=\"async\" width=\"1200\" height=\"628\" src=\"https:\/\/www.garciafaura.com\/wp-content\/uploads\/2019\/04\/Promocio\u0301-Fort-Pienc-04.jpg\" class=\"portfolio-entry-img skip-lazy\" alt=\"Promoci\u00f3 Fort Pienc\" data-no-lazy=\"1\" srcset=\"https:\/\/www.garciafaura.com\/wp-content\/uploads\/2019\/04\/Promocio\u0301-Fort-Pienc-04.jpg 1200w, https:\/\/www.garciafaura.com\/wp-content\/uploads\/2019\/04\/Promocio\u0301-Fort-Pienc-04-300x157.jpg 300w, https:\/\/www.garciafaura.com\/wp-content\/uploads\/2019\/04\/Promocio\u0301-Fort-Pienc-04-768x402.jpg 768w, https:\/\/www.garciafaura.com\/wp-content\/uploads\/2019\/04\/Promocio\u0301-Fort-Pienc-04-1024x536.jpg 1024w\" sizes=\"auto, (max-width: 1200px) 100vw, 1200px\" \/><\/a><\/div><div class=\"portfolio-entry-details entry-details wpex-clr\"><h2 class=\"portfolio-entry-title entry-title\"><a href=\"https:\/\/www.garciafaura.com\/fr\/portfolio-item\/promotion-fort-pienc\/\" title=\"Promotion Fort Pienc\">Promotion Fort Pienc<\/a><\/h2><div class=\"portfolio-entry-categories entry-categories wpex-clr\"><a href=\"https:\/\/www.garciafaura.com\/fr\/portfolio-category\/ensembles-residentiels\/\" class=\"term-77\">Ensembles r\u00e9sidentiels<\/a><\/div><\/div><\/div><\/div><div class=\"portfolio-entry vcex-grid-item entry-has-details span_1_of_3 col col-1 vcex-isotope-entry vcex-no-margin-entry post-21492 entry type-portfolio has-media cat-77 translation_priority-5\"><div class=\"portfolio-entry-inner entry-inner wpex-clr\"><div class=\"portfolio-entry-media entry-media wpex-clr\"><a href=\"https:\/\/www.garciafaura.com\/wp-content\/uploads\/2019\/04\/Residencial-Ponent-Badalona-01.jpg\" title=\"Promotion Ponent Badalona\" class=\"portfolio-entry-media-link wpex-lightbox-gallery\" data-gallery=\"[{&quot;src&quot;:&quot;https:\\\/\\\/www.garciafaura.com\\\/wp-content\\\/uploads\\\/2019\\\/04\\\/Residencial-Ponent-Badalona-01.jpg&quot;},{&quot;src&quot;:&quot;https:\\\/\\\/www.garciafaura.com\\\/wp-content\\\/uploads\\\/2019\\\/04\\\/Residencial-Ponent-Badalona-14.jpg&quot;},{&quot;src&quot;:&quot;https:\\\/\\\/www.garciafaura.com\\\/wp-content\\\/uploads\\\/2019\\\/04\\\/Residencial-Ponent-Badalona-13.jpg&quot;},{&quot;src&quot;:&quot;https:\\\/\\\/www.garciafaura.com\\\/wp-content\\\/uploads\\\/2019\\\/04\\\/Residencial-Ponent-Badalona-12.jpg&quot;},{&quot;src&quot;:&quot;https:\\\/\\\/www.garciafaura.com\\\/wp-content\\\/uploads\\\/2019\\\/04\\\/Residencial-Ponent-Badalona-11.jpg&quot;},{&quot;src&quot;:&quot;https:\\\/\\\/www.garciafaura.com\\\/wp-content\\\/uploads\\\/2019\\\/04\\\/Residencial-Ponent-Badalona-10.jpg&quot;},{&quot;src&quot;:&quot;https:\\\/\\\/www.garciafaura.com\\\/wp-content\\\/uploads\\\/2019\\\/04\\\/Residencial-Ponent-Badalona-09.jpg&quot;},{&quot;src&quot;:&quot;https:\\\/\\\/www.garciafaura.com\\\/wp-content\\\/uploads\\\/2019\\\/04\\\/Residencial-Ponent-Badalona-08.jpg&quot;},{&quot;src&quot;:&quot;https:\\\/\\\/www.garciafaura.com\\\/wp-content\\\/uploads\\\/2019\\\/04\\\/Residencial-Ponent-Badalona-07.jpg&quot;},{&quot;src&quot;:&quot;https:\\\/\\\/www.garciafaura.com\\\/wp-content\\\/uploads\\\/2019\\\/04\\\/Residencial-Ponent-Badalona-06.jpg&quot;},{&quot;src&quot;:&quot;https:\\\/\\\/www.garciafaura.com\\\/wp-content\\\/uploads\\\/2019\\\/04\\\/Residencial-Ponent-Badalona-05.jpg&quot;},{&quot;src&quot;:&quot;https:\\\/\\\/www.garciafaura.com\\\/wp-content\\\/uploads\\\/2019\\\/04\\\/Residencial-Ponent-Badalona-04.jpg&quot;},{&quot;src&quot;:&quot;https:\\\/\\\/www.garciafaura.com\\\/wp-content\\\/uploads\\\/2019\\\/04\\\/Residencial-Ponent-Badalona-03.jpg&quot;},{&quot;src&quot;:&quot;https:\\\/\\\/www.garciafaura.com\\\/wp-content\\\/uploads\\\/2019\\\/04\\\/Residencial-Ponent-Badalona-02.jpg&quot;}]\"><img loading=\"lazy\" decoding=\"async\" width=\"1200\" height=\"628\" src=\"https:\/\/www.garciafaura.com\/wp-content\/uploads\/2019\/04\/Residencial-Ponent-Badalona-01.jpg\" class=\"portfolio-entry-img skip-lazy\" alt=\"\" data-no-lazy=\"1\" srcset=\"https:\/\/www.garciafaura.com\/wp-content\/uploads\/2019\/04\/Residencial-Ponent-Badalona-01.jpg 1200w, https:\/\/www.garciafaura.com\/wp-content\/uploads\/2019\/04\/Residencial-Ponent-Badalona-01-300x157.jpg 300w, https:\/\/www.garciafaura.com\/wp-content\/uploads\/2019\/04\/Residencial-Ponent-Badalona-01-768x402.jpg 768w, https:\/\/www.garciafaura.com\/wp-content\/uploads\/2019\/04\/Residencial-Ponent-Badalona-01-1024x536.jpg 1024w\" sizes=\"auto, (max-width: 1200px) 100vw, 1200px\" \/><\/a><\/div><div class=\"portfolio-entry-details entry-details wpex-clr\"><h2 class=\"portfolio-entry-title entry-title\"><a href=\"https:\/\/www.garciafaura.com\/fr\/portfolio-item\/promotion-ponent-badalona-2\/\" title=\"Promotion Ponent Badalona\">Promotion Ponent Badalona<\/a><\/h2><div class=\"portfolio-entry-categories entry-categories wpex-clr\"><a href=\"https:\/\/www.garciafaura.com\/fr\/portfolio-category\/ensembles-residentiels\/\" class=\"term-77\">Ensembles r\u00e9sidentiels<\/a><\/div><\/div><\/div><\/div><div class=\"portfolio-entry vcex-grid-item entry-has-details span_1_of_3 col col-2 vcex-isotope-entry vcex-no-margin-entry post-21490 entry type-portfolio has-media cat-77 cat-91 translation_priority-5\"><div class=\"portfolio-entry-inner entry-inner wpex-clr\"><div class=\"portfolio-entry-media entry-media wpex-clr\"><a href=\"https:\/\/www.garciafaura.com\/wp-content\/uploads\/2019\/04\/Residencial-La-Marina-Mataro\u0301-01.jpg\" title=\"R\u00e9sidentiel La Marina\" class=\"portfolio-entry-media-link wpex-lightbox-gallery\" data-gallery=\"[{&quot;src&quot;:&quot;https:\\\/\\\/www.garciafaura.com\\\/wp-content\\\/uploads\\\/2019\\\/04\\\/Residencial-La-Marina-Mataro\\u0301-01.jpg&quot;},{&quot;src&quot;:&quot;https:\\\/\\\/www.garciafaura.com\\\/wp-content\\\/uploads\\\/2019\\\/04\\\/Residencial-La-Marina-Mataro\\u0301-11.jpg&quot;},{&quot;src&quot;:&quot;https:\\\/\\\/www.garciafaura.com\\\/wp-content\\\/uploads\\\/2019\\\/04\\\/Residencial-La-Marina-Mataro\\u0301-10.jpg&quot;},{&quot;src&quot;:&quot;https:\\\/\\\/www.garciafaura.com\\\/wp-content\\\/uploads\\\/2019\\\/04\\\/Residencial-La-Marina-Mataro\\u0301-09.jpg&quot;},{&quot;src&quot;:&quot;https:\\\/\\\/www.garciafaura.com\\\/wp-content\\\/uploads\\\/2019\\\/04\\\/Residencial-La-Marina-Mataro\\u0301-08.jpg&quot;},{&quot;src&quot;:&quot;https:\\\/\\\/www.garciafaura.com\\\/wp-content\\\/uploads\\\/2019\\\/04\\\/Residencial-La-Marina-Mataro\\u0301-07.jpg&quot;},{&quot;src&quot;:&quot;https:\\\/\\\/www.garciafaura.com\\\/wp-content\\\/uploads\\\/2019\\\/04\\\/Residencial-La-Marina-Mataro\\u0301-06.jpg&quot;},{&quot;src&quot;:&quot;https:\\\/\\\/www.garciafaura.com\\\/wp-content\\\/uploads\\\/2019\\\/04\\\/Residencial-La-Marina-Mataro\\u0301-05.jpg&quot;},{&quot;src&quot;:&quot;https:\\\/\\\/www.garciafaura.com\\\/wp-content\\\/uploads\\\/2019\\\/04\\\/Residencial-La-Marina-Mataro\\u0301-04.jpg&quot;},{&quot;src&quot;:&quot;https:\\\/\\\/www.garciafaura.com\\\/wp-content\\\/uploads\\\/2019\\\/04\\\/Residencial-La-Marina-Mataro\\u0301-03.jpg&quot;},{&quot;src&quot;:&quot;https:\\\/\\\/www.garciafaura.com\\\/wp-content\\\/uploads\\\/2019\\\/04\\\/Residencial-La-Marina-Mataro\\u0301-02.jpg&quot;}]\"><img loading=\"lazy\" decoding=\"async\" width=\"1200\" height=\"628\" src=\"https:\/\/www.garciafaura.com\/wp-content\/uploads\/2019\/04\/Residencial-La-Marina-Mataro\u0301-01.jpg\" class=\"portfolio-entry-img skip-lazy\" alt=\"\" data-no-lazy=\"1\" srcset=\"https:\/\/www.garciafaura.com\/wp-content\/uploads\/2019\/04\/Residencial-La-Marina-Mataro\u0301-01.jpg 1200w, https:\/\/www.garciafaura.com\/wp-content\/uploads\/2019\/04\/Residencial-La-Marina-Mataro\u0301-01-300x157.jpg 300w, https:\/\/www.garciafaura.com\/wp-content\/uploads\/2019\/04\/Residencial-La-Marina-Mataro\u0301-01-768x402.jpg 768w, https:\/\/www.garciafaura.com\/wp-content\/uploads\/2019\/04\/Residencial-La-Marina-Mataro\u0301-01-1024x536.jpg 1024w\" sizes=\"auto, (max-width: 1200px) 100vw, 1200px\" \/><\/a><\/div><div class=\"portfolio-entry-details entry-details wpex-clr\"><h2 class=\"portfolio-entry-title entry-title\"><a href=\"https:\/\/www.garciafaura.com\/fr\/portfolio-item\/residentiel-la-marina\/\" title=\"R\u00e9sidentiel La Marina\">R\u00e9sidentiel La Marina<\/a><\/h2><div class=\"portfolio-entry-categories entry-categories wpex-clr\"><a href=\"https:\/\/www.garciafaura.com\/fr\/portfolio-category\/ensembles-residentiels\/\" class=\"term-77\">Ensembles r\u00e9sidentiels<\/a><\/div><\/div><\/div><\/div><div class=\"portfolio-entry vcex-grid-item entry-has-details span_1_of_3 col col-3 vcex-isotope-entry vcex-no-margin-entry post-21470 entry type-portfolio has-media cat-77 translation_priority-5\"><div class=\"portfolio-entry-inner entry-inner wpex-clr\"><div class=\"portfolio-entry-media entry-media wpex-clr\"><a href=\"https:\/\/www.garciafaura.com\/wp-content\/uploads\/2019\/04\/Can-Matas-A2-Sant-Cugat-02.jpg\" title=\"Promotion Can Mates A2\" class=\"portfolio-entry-media-link wpex-lightbox-gallery\" data-gallery=\"[{&quot;src&quot;:&quot;https:\\\/\\\/www.garciafaura.com\\\/wp-content\\\/uploads\\\/2019\\\/04\\\/Can-Matas-A2-Sant-Cugat-01.jpg&quot;},{&quot;src&quot;:&quot;https:\\\/\\\/www.garciafaura.com\\\/wp-content\\\/uploads\\\/2019\\\/04\\\/Can-Matas-A2-Sant-Cugat-11.jpg&quot;},{&quot;src&quot;:&quot;https:\\\/\\\/www.garciafaura.com\\\/wp-content\\\/uploads\\\/2019\\\/04\\\/Can-Matas-A2-Sant-Cugat-10.jpg&quot;},{&quot;src&quot;:&quot;https:\\\/\\\/www.garciafaura.com\\\/wp-content\\\/uploads\\\/2019\\\/04\\\/Can-Matas-A2-Sant-Cugat-09.jpg&quot;},{&quot;src&quot;:&quot;https:\\\/\\\/www.garciafaura.com\\\/wp-content\\\/uploads\\\/2019\\\/04\\\/Can-Matas-A2-Sant-Cugat-08.jpg&quot;},{&quot;src&quot;:&quot;https:\\\/\\\/www.garciafaura.com\\\/wp-content\\\/uploads\\\/2019\\\/04\\\/Can-Matas-A2-Sant-Cugat-07.jpg&quot;},{&quot;src&quot;:&quot;https:\\\/\\\/www.garciafaura.com\\\/wp-content\\\/uploads\\\/2019\\\/04\\\/Can-Matas-A2-Sant-Cugat-06.jpg&quot;},{&quot;src&quot;:&quot;https:\\\/\\\/www.garciafaura.com\\\/wp-content\\\/uploads\\\/2019\\\/04\\\/Can-Matas-A2-Sant-Cugat-05.jpg&quot;},{&quot;src&quot;:&quot;https:\\\/\\\/www.garciafaura.com\\\/wp-content\\\/uploads\\\/2019\\\/04\\\/Can-Matas-A2-Sant-Cugat-04.jpg&quot;},{&quot;src&quot;:&quot;https:\\\/\\\/www.garciafaura.com\\\/wp-content\\\/uploads\\\/2019\\\/04\\\/Can-Matas-A2-Sant-Cugat-03.jpg&quot;},{&quot;src&quot;:&quot;https:\\\/\\\/www.garciafaura.com\\\/wp-content\\\/uploads\\\/2019\\\/04\\\/Can-Matas-A2-Sant-Cugat-02.jpg&quot;}]\"><img loading=\"lazy\" decoding=\"async\" width=\"1200\" height=\"628\" src=\"https:\/\/www.garciafaura.com\/wp-content\/uploads\/2019\/04\/Can-Matas-A2-Sant-Cugat-02.jpg\" class=\"portfolio-entry-img skip-lazy\" alt=\"\" data-no-lazy=\"1\" srcset=\"https:\/\/www.garciafaura.com\/wp-content\/uploads\/2019\/04\/Can-Matas-A2-Sant-Cugat-02.jpg 1200w, https:\/\/www.garciafaura.com\/wp-content\/uploads\/2019\/04\/Can-Matas-A2-Sant-Cugat-02-300x157.jpg 300w, https:\/\/www.garciafaura.com\/wp-content\/uploads\/2019\/04\/Can-Matas-A2-Sant-Cugat-02-768x402.jpg 768w, https:\/\/www.garciafaura.com\/wp-content\/uploads\/2019\/04\/Can-Matas-A2-Sant-Cugat-02-1024x536.jpg 1024w\" sizes=\"auto, (max-width: 1200px) 100vw, 1200px\" \/><\/a><\/div><div class=\"portfolio-entry-details entry-details wpex-clr\"><h2 class=\"portfolio-entry-title entry-title\"><a href=\"https:\/\/www.garciafaura.com\/fr\/portfolio-item\/promotion-can-mates-a2\/\" title=\"Promotion Can Mates A2\">Promotion Can Mates A2<\/a><\/h2><div class=\"portfolio-entry-categories entry-categories wpex-clr\"><a href=\"https:\/\/www.garciafaura.com\/fr\/portfolio-category\/ensembles-residentiels\/\" class=\"term-77\">Ensembles r\u00e9sidentiels<\/a><\/div><\/div><\/div><\/div><div class=\"portfolio-entry vcex-grid-item entry-has-details span_1_of_3 col col-1 vcex-isotope-entry vcex-no-margin-entry post-21468 entry type-portfolio has-media cat-77 cat-91 translation_priority-5\"><div class=\"portfolio-entry-inner entry-inner wpex-clr\"><div class=\"portfolio-entry-media entry-media wpex-clr\"><a href=\"https:\/\/www.garciafaura.com\/wp-content\/uploads\/2019\/04\/Promocio-Comte-Borrell-02.jpg\" title=\"Promotion Comte Borrell\" class=\"portfolio-entry-media-link wpex-lightbox-gallery\" data-gallery=\"[{&quot;src&quot;:&quot;https:\\\/\\\/www.garciafaura.com\\\/wp-content\\\/uploads\\\/2019\\\/04\\\/Promocio-Comte-Borrell-01.jpg&quot;},{&quot;src&quot;:&quot;https:\\\/\\\/www.garciafaura.com\\\/wp-content\\\/uploads\\\/2019\\\/04\\\/Promocio-Comte-Borrell-08.jpg&quot;},{&quot;src&quot;:&quot;https:\\\/\\\/www.garciafaura.com\\\/wp-content\\\/uploads\\\/2019\\\/04\\\/Promocio-Comte-Borrell-07.jpg&quot;},{&quot;src&quot;:&quot;https:\\\/\\\/www.garciafaura.com\\\/wp-content\\\/uploads\\\/2019\\\/04\\\/Promocio-Comte-Borrell-06.jpg&quot;},{&quot;src&quot;:&quot;https:\\\/\\\/www.garciafaura.com\\\/wp-content\\\/uploads\\\/2019\\\/04\\\/Promocio-Comte-Borrell-05.jpg&quot;},{&quot;src&quot;:&quot;https:\\\/\\\/www.garciafaura.com\\\/wp-content\\\/uploads\\\/2019\\\/04\\\/Promocio-Comte-Borrell-04.jpg&quot;},{&quot;src&quot;:&quot;https:\\\/\\\/www.garciafaura.com\\\/wp-content\\\/uploads\\\/2019\\\/04\\\/Promocio-Comte-Borrell-03.jpg&quot;},{&quot;src&quot;:&quot;https:\\\/\\\/www.garciafaura.com\\\/wp-content\\\/uploads\\\/2019\\\/04\\\/Promocio-Comte-Borrell-02.jpg&quot;}]\"><img loading=\"lazy\" decoding=\"async\" width=\"1200\" height=\"628\" src=\"https:\/\/www.garciafaura.com\/wp-content\/uploads\/2019\/04\/Promocio-Comte-Borrell-02.jpg\" class=\"portfolio-entry-img skip-lazy\" alt=\"\" data-no-lazy=\"1\" srcset=\"https:\/\/www.garciafaura.com\/wp-content\/uploads\/2019\/04\/Promocio-Comte-Borrell-02.jpg 1200w, https:\/\/www.garciafaura.com\/wp-content\/uploads\/2019\/04\/Promocio-Comte-Borrell-02-300x157.jpg 300w, https:\/\/www.garciafaura.com\/wp-content\/uploads\/2019\/04\/Promocio-Comte-Borrell-02-768x402.jpg 768w, https:\/\/www.garciafaura.com\/wp-content\/uploads\/2019\/04\/Promocio-Comte-Borrell-02-1024x536.jpg 1024w\" sizes=\"auto, (max-width: 1200px) 100vw, 1200px\" \/><\/a><\/div><div class=\"portfolio-entry-details entry-details wpex-clr\"><h2 class=\"portfolio-entry-title entry-title\"><a href=\"https:\/\/www.garciafaura.com\/fr\/portfolio-item\/promotion-comte-borrell\/\" title=\"Promotion Comte Borrell\">Promotion Comte Borrell<\/a><\/h2><div class=\"portfolio-entry-categories entry-categories wpex-clr\"><a href=\"https:\/\/www.garciafaura.com\/fr\/portfolio-category\/ensembles-residentiels\/\" class=\"term-77\">Ensembles r\u00e9sidentiels<\/a><\/div><\/div><\/div><\/div><div class=\"portfolio-entry vcex-grid-item entry-has-details span_1_of_3 col col-2 vcex-isotope-entry vcex-no-margin-entry post-21466 entry type-portfolio has-media cat-77 translation_priority-5\"><div class=\"portfolio-entry-inner entry-inner wpex-clr\"><div class=\"portfolio-entry-media entry-media wpex-clr\"><a href=\"https:\/\/www.garciafaura.com\/wp-content\/uploads\/2019\/04\/Residencial-Pineda-Gava\u0300-01.jpg\" title=\"R\u00e9sidentiel Pineda Gav\u00e0\" class=\"portfolio-entry-media-link wpex-lightbox-gallery\" data-gallery=\"[{&quot;src&quot;:&quot;https:\\\/\\\/www.garciafaura.com\\\/wp-content\\\/uploads\\\/2019\\\/04\\\/Residencial-Pineda-Gava\\u0300-01.jpg&quot;,&quot;title&quot;:&quot;Residencial Pineda Gav\\u00e0&quot;},{&quot;src&quot;:&quot;https:\\\/\\\/www.garciafaura.com\\\/wp-content\\\/uploads\\\/2019\\\/04\\\/Residencial-Pineda-Gava\\u0300-08.jpg&quot;,&quot;title&quot;:&quot;Residencial Pineda Gav\\u00e0&quot;},{&quot;src&quot;:&quot;https:\\\/\\\/www.garciafaura.com\\\/wp-content\\\/uploads\\\/2019\\\/04\\\/Residencial-Pineda-Gava\\u0300-07.jpg&quot;,&quot;title&quot;:&quot;Residencial Pineda Gav\\u00e0&quot;},{&quot;src&quot;:&quot;https:\\\/\\\/www.garciafaura.com\\\/wp-content\\\/uploads\\\/2019\\\/04\\\/Residencial-Pineda-Gava\\u0300-06.jpg&quot;,&quot;title&quot;:&quot;Residencial Pineda Gav\\u00e0&quot;},{&quot;src&quot;:&quot;https:\\\/\\\/www.garciafaura.com\\\/wp-content\\\/uploads\\\/2019\\\/04\\\/Residencial-Pineda-Gava\\u0300-05.jpg&quot;,&quot;title&quot;:&quot;Residencial Pineda Gav\\u00e0&quot;},{&quot;src&quot;:&quot;https:\\\/\\\/www.garciafaura.com\\\/wp-content\\\/uploads\\\/2019\\\/04\\\/Residencial-Pineda-Gava\\u0300-04.jpg&quot;,&quot;title&quot;:&quot;Residencial Pineda Gav\\u00e0&quot;},{&quot;src&quot;:&quot;https:\\\/\\\/www.garciafaura.com\\\/wp-content\\\/uploads\\\/2019\\\/04\\\/Residencial-Pineda-Gava\\u0300-03.jpg&quot;,&quot;title&quot;:&quot;Residencial Pineda Gav\\u00e0&quot;},{&quot;src&quot;:&quot;https:\\\/\\\/www.garciafaura.com\\\/wp-content\\\/uploads\\\/2019\\\/04\\\/Residencial-Pineda-Gava\\u0300-02.jpg&quot;,&quot;title&quot;:&quot;Residencial Pineda Gav\\u00e0&quot;}]\"><img loading=\"lazy\" decoding=\"async\" width=\"1200\" height=\"628\" src=\"https:\/\/www.garciafaura.com\/wp-content\/uploads\/2019\/04\/Residencial-Pineda-Gava\u0300-01.jpg\" class=\"portfolio-entry-img skip-lazy\" alt=\"Residencial Pineda Gav\u00e0\" data-no-lazy=\"1\" srcset=\"https:\/\/www.garciafaura.com\/wp-content\/uploads\/2019\/04\/Residencial-Pineda-Gava\u0300-01.jpg 1200w, https:\/\/www.garciafaura.com\/wp-content\/uploads\/2019\/04\/Residencial-Pineda-Gava\u0300-01-300x157.jpg 300w, https:\/\/www.garciafaura.com\/wp-content\/uploads\/2019\/04\/Residencial-Pineda-Gava\u0300-01-768x402.jpg 768w, https:\/\/www.garciafaura.com\/wp-content\/uploads\/2019\/04\/Residencial-Pineda-Gava\u0300-01-1024x536.jpg 1024w\" sizes=\"auto, (max-width: 1200px) 100vw, 1200px\" \/><\/a><\/div><div class=\"portfolio-entry-details entry-details wpex-clr\"><h2 class=\"portfolio-entry-title entry-title\"><a href=\"https:\/\/www.garciafaura.com\/fr\/portfolio-item\/residentiel-la-pineda\/\" title=\"R\u00e9sidentiel Pineda Gav\u00e0\">R\u00e9sidentiel Pineda Gav\u00e0<\/a><\/h2><div class=\"portfolio-entry-categories entry-categories wpex-clr\"><a href=\"https:\/\/www.garciafaura.com\/fr\/portfolio-category\/ensembles-residentiels\/\" class=\"term-77\">Ensembles r\u00e9sidentiels<\/a><\/div><\/div><\/div><\/div><div class=\"portfolio-entry vcex-grid-item entry-has-details span_1_of_3 col col-3 vcex-isotope-entry vcex-no-margin-entry post-21459 entry type-portfolio has-media cat-77 translation_priority-5\"><div class=\"portfolio-entry-inner entry-inner wpex-clr\"><div class=\"portfolio-entry-media entry-media wpex-clr\"><a href=\"https:\/\/www.garciafaura.com\/wp-content\/uploads\/2019\/10\/13128-01.jpg\" title=\"Promotion Mas Llu\u00ed Sant Just Desvern\" class=\"portfolio-entry-media-link wpex-lightbox-gallery\" data-gallery=\"[{&quot;src&quot;:&quot;https:\\\/\\\/www.garciafaura.com\\\/wp-content\\\/uploads\\\/2019\\\/10\\\/13128-01.jpg&quot;},{&quot;src&quot;:&quot;https:\\\/\\\/www.garciafaura.com\\\/wp-content\\\/uploads\\\/2019\\\/10\\\/13128-10.jpg&quot;},{&quot;src&quot;:&quot;https:\\\/\\\/www.garciafaura.com\\\/wp-content\\\/uploads\\\/2019\\\/10\\\/13128-09.jpg&quot;},{&quot;src&quot;:&quot;https:\\\/\\\/www.garciafaura.com\\\/wp-content\\\/uploads\\\/2019\\\/10\\\/13128-08.jpg&quot;},{&quot;src&quot;:&quot;https:\\\/\\\/www.garciafaura.com\\\/wp-content\\\/uploads\\\/2019\\\/10\\\/13128-07.jpg&quot;},{&quot;src&quot;:&quot;https:\\\/\\\/www.garciafaura.com\\\/wp-content\\\/uploads\\\/2019\\\/10\\\/13128-06.jpg&quot;},{&quot;src&quot;:&quot;https:\\\/\\\/www.garciafaura.com\\\/wp-content\\\/uploads\\\/2019\\\/10\\\/13128-05.jpg&quot;},{&quot;src&quot;:&quot;https:\\\/\\\/www.garciafaura.com\\\/wp-content\\\/uploads\\\/2019\\\/10\\\/13128-04.jpg&quot;},{&quot;src&quot;:&quot;https:\\\/\\\/www.garciafaura.com\\\/wp-content\\\/uploads\\\/2019\\\/10\\\/13128-03.jpg&quot;},{&quot;src&quot;:&quot;https:\\\/\\\/www.garciafaura.com\\\/wp-content\\\/uploads\\\/2019\\\/10\\\/13128-02.jpg&quot;}]\"><img loading=\"lazy\" decoding=\"async\" width=\"1200\" height=\"628\" src=\"https:\/\/www.garciafaura.com\/wp-content\/uploads\/2019\/10\/13128-01.jpg\" class=\"portfolio-entry-img skip-lazy\" alt=\"\" data-no-lazy=\"1\" srcset=\"https:\/\/www.garciafaura.com\/wp-content\/uploads\/2019\/10\/13128-01.jpg 1200w, https:\/\/www.garciafaura.com\/wp-content\/uploads\/2019\/10\/13128-01-300x157.jpg 300w, https:\/\/www.garciafaura.com\/wp-content\/uploads\/2019\/10\/13128-01-768x402.jpg 768w, https:\/\/www.garciafaura.com\/wp-content\/uploads\/2019\/10\/13128-01-1024x536.jpg 1024w\" sizes=\"auto, (max-width: 1200px) 100vw, 1200px\" \/><\/a><\/div><div class=\"portfolio-entry-details entry-details wpex-clr\"><h2 class=\"portfolio-entry-title entry-title\"><a href=\"https:\/\/www.garciafaura.com\/fr\/portfolio-item\/promotion-mas-lluhi\/\" title=\"Promotion Mas Llu\u00ed Sant Just Desvern\">Promotion Mas Llu\u00ed Sant Just Desvern<\/a><\/h2><div class=\"portfolio-entry-categories entry-categories wpex-clr\"><a href=\"https:\/\/www.garciafaura.com\/fr\/portfolio-category\/ensembles-residentiels\/\" class=\"term-77\">Ensembles r\u00e9sidentiels<\/a><\/div><\/div><\/div><\/div><div class=\"portfolio-entry vcex-grid-item entry-has-details span_1_of_3 col col-1 vcex-isotope-entry vcex-no-margin-entry post-21458 entry type-portfolio has-media cat-77 cat-91 translation_priority-5\"><div class=\"portfolio-entry-inner entry-inner wpex-clr\"><div class=\"portfolio-entry-media entry-media wpex-clr\"><a href=\"https:\/\/www.garciafaura.com\/wp-content\/uploads\/2019\/04\/13112-15.jpg\" title=\"Promotion Industria Ponent Badalona\" class=\"portfolio-entry-media-link wpex-lightbox-gallery\" data-gallery=\"[{&quot;src&quot;:&quot;https:\\\/\\\/www.garciafaura.com\\\/wp-content\\\/uploads\\\/2019\\\/04\\\/13112-01.jpg&quot;},{&quot;src&quot;:&quot;https:\\\/\\\/www.garciafaura.com\\\/wp-content\\\/uploads\\\/2019\\\/04\\\/13112-15.jpg&quot;},{&quot;src&quot;:&quot;https:\\\/\\\/www.garciafaura.com\\\/wp-content\\\/uploads\\\/2019\\\/04\\\/13112-14.jpg&quot;},{&quot;src&quot;:&quot;https:\\\/\\\/www.garciafaura.com\\\/wp-content\\\/uploads\\\/2019\\\/04\\\/13112-13.jpg&quot;},{&quot;src&quot;:&quot;https:\\\/\\\/www.garciafaura.com\\\/wp-content\\\/uploads\\\/2019\\\/04\\\/13112-12.jpg&quot;},{&quot;src&quot;:&quot;https:\\\/\\\/www.garciafaura.com\\\/wp-content\\\/uploads\\\/2019\\\/04\\\/13112-11.jpg&quot;},{&quot;src&quot;:&quot;https:\\\/\\\/www.garciafaura.com\\\/wp-content\\\/uploads\\\/2019\\\/04\\\/13112-10.jpg&quot;},{&quot;src&quot;:&quot;https:\\\/\\\/www.garciafaura.com\\\/wp-content\\\/uploads\\\/2019\\\/04\\\/13112-09.jpg&quot;},{&quot;src&quot;:&quot;https:\\\/\\\/www.garciafaura.com\\\/wp-content\\\/uploads\\\/2019\\\/04\\\/13112-08.jpg&quot;},{&quot;src&quot;:&quot;https:\\\/\\\/www.garciafaura.com\\\/wp-content\\\/uploads\\\/2019\\\/04\\\/13112-07.jpg&quot;},{&quot;src&quot;:&quot;https:\\\/\\\/www.garciafaura.com\\\/wp-content\\\/uploads\\\/2019\\\/04\\\/13112-06.jpg&quot;},{&quot;src&quot;:&quot;https:\\\/\\\/www.garciafaura.com\\\/wp-content\\\/uploads\\\/2019\\\/04\\\/13112-05.jpg&quot;},{&quot;src&quot;:&quot;https:\\\/\\\/www.garciafaura.com\\\/wp-content\\\/uploads\\\/2019\\\/04\\\/13112-04.jpg&quot;},{&quot;src&quot;:&quot;https:\\\/\\\/www.garciafaura.com\\\/wp-content\\\/uploads\\\/2019\\\/04\\\/13112-03.jpg&quot;},{&quot;src&quot;:&quot;https:\\\/\\\/www.garciafaura.com\\\/wp-content\\\/uploads\\\/2019\\\/04\\\/13112-02.jpg&quot;}]\"><img loading=\"lazy\" decoding=\"async\" width=\"1200\" height=\"628\" src=\"https:\/\/www.garciafaura.com\/wp-content\/uploads\/2019\/04\/13112-15.jpg\" class=\"portfolio-entry-img skip-lazy\" alt=\"\" data-no-lazy=\"1\" srcset=\"https:\/\/www.garciafaura.com\/wp-content\/uploads\/2019\/04\/13112-15.jpg 1200w, https:\/\/www.garciafaura.com\/wp-content\/uploads\/2019\/04\/13112-15-300x157.jpg 300w, https:\/\/www.garciafaura.com\/wp-content\/uploads\/2019\/04\/13112-15-768x402.jpg 768w, https:\/\/www.garciafaura.com\/wp-content\/uploads\/2019\/04\/13112-15-1024x536.jpg 1024w\" sizes=\"auto, (max-width: 1200px) 100vw, 1200px\" \/><\/a><\/div><div class=\"portfolio-entry-details entry-details wpex-clr\"><h2 class=\"portfolio-entry-title entry-title\"><a href=\"https:\/\/www.garciafaura.com\/fr\/portfolio-item\/promotion-industria-ponent-badalona\/\" title=\"Promotion Industria Ponent Badalona\">Promotion Industria Ponent Badalona<\/a><\/h2><div class=\"portfolio-entry-categories entry-categories wpex-clr\"><a href=\"https:\/\/www.garciafaura.com\/fr\/portfolio-category\/ensembles-residentiels\/\" class=\"term-77\">Ensembles r\u00e9sidentiels<\/a><\/div><\/div><\/div><\/div><div class=\"portfolio-entry vcex-grid-item entry-has-details span_1_of_3 col col-2 vcex-isotope-entry vcex-no-margin-entry post-21078 entry type-portfolio has-media cat-77 translation_priority-5\"><div class=\"portfolio-entry-inner entry-inner wpex-clr\"><div class=\"portfolio-entry-media entry-media wpex-clr\"><a href=\"https:\/\/www.garciafaura.com\/wp-content\/uploads\/2019\/05\/13070-01.jpg\" title=\"Promotion Avenue Pallaressa\" class=\"portfolio-entry-media-link wpex-lightbox-gallery\" data-gallery=\"[{&quot;src&quot;:&quot;https:\\\/\\\/www.garciafaura.com\\\/wp-content\\\/uploads\\\/2019\\\/05\\\/13070-01.jpg&quot;,&quot;title&quot;:&quot;Fermetures en aluminium et verre dans immeubles collectifs \\u00e0 Santa Coloma de Gramenet.&quot;},{&quot;src&quot;:&quot;https:\\\/\\\/www.garciafaura.com\\\/wp-content\\\/uploads\\\/2019\\\/05\\\/13070-08.jpg&quot;,&quot;title&quot;:&quot;Fermetures en aluminium et verre dans immeubles collectifs \\u00e0 Santa Coloma de Gramenet.&quot;},{&quot;src&quot;:&quot;https:\\\/\\\/www.garciafaura.com\\\/wp-content\\\/uploads\\\/2019\\\/05\\\/13070-07.jpg&quot;,&quot;title&quot;:&quot;Fermetures en aluminium et verre dans immeubles collectifs \\u00e0 Santa Coloma de Gramenet.&quot;},{&quot;src&quot;:&quot;https:\\\/\\\/www.garciafaura.com\\\/wp-content\\\/uploads\\\/2019\\\/05\\\/13070-06.jpg&quot;,&quot;title&quot;:&quot;Fermetures en aluminium et verre dans immeubles collectifs \\u00e0 Santa Coloma de Gramenet.&quot;},{&quot;src&quot;:&quot;https:\\\/\\\/www.garciafaura.com\\\/wp-content\\\/uploads\\\/2019\\\/05\\\/13070-05.jpg&quot;,&quot;title&quot;:&quot;Fermetures en aluminium et verre dans immeubles collectifs \\u00e0 Santa Coloma de Gramenet.&quot;},{&quot;src&quot;:&quot;https:\\\/\\\/www.garciafaura.com\\\/wp-content\\\/uploads\\\/2019\\\/05\\\/13070-04.jpg&quot;,&quot;title&quot;:&quot;Fermetures en aluminium et verre dans immeubles collectifs \\u00e0 Santa Coloma de Gramenet.&quot;},{&quot;src&quot;:&quot;https:\\\/\\\/www.garciafaura.com\\\/wp-content\\\/uploads\\\/2019\\\/05\\\/13070-03.jpg&quot;,&quot;title&quot;:&quot;Fermetures en aluminium et verre dans immeubles collectifs \\u00e0 Santa Coloma de Gramenet.&quot;},{&quot;src&quot;:&quot;https:\\\/\\\/www.garciafaura.com\\\/wp-content\\\/uploads\\\/2019\\\/05\\\/13070-02.jpg&quot;,&quot;title&quot;:&quot;Fermetures en aluminium et verre dans immeubles collectifs \\u00e0 Santa Coloma de Gramenet.&quot;}]\"><img loading=\"lazy\" decoding=\"async\" width=\"1200\" height=\"628\" src=\"https:\/\/www.garciafaura.com\/wp-content\/uploads\/2019\/05\/13070-01.jpg\" class=\"portfolio-entry-img skip-lazy\" alt=\"Fermetures en aluminium et verre dans immeubles collectifs \u00e0 Santa Coloma de Gramenet.\" data-no-lazy=\"1\" srcset=\"https:\/\/www.garciafaura.com\/wp-content\/uploads\/2019\/05\/13070-01.jpg 1200w, https:\/\/www.garciafaura.com\/wp-content\/uploads\/2019\/05\/13070-01-300x157.jpg 300w, https:\/\/www.garciafaura.com\/wp-content\/uploads\/2019\/05\/13070-01-768x402.jpg 768w, https:\/\/www.garciafaura.com\/wp-content\/uploads\/2019\/05\/13070-01-1024x536.jpg 1024w\" sizes=\"auto, (max-width: 1200px) 100vw, 1200px\" \/><\/a><\/div><div class=\"portfolio-entry-details entry-details wpex-clr\"><h2 class=\"portfolio-entry-title entry-title\"><a href=\"https:\/\/www.garciafaura.com\/fr\/portfolio-item\/promotion-avenue-pallaressa\/\" title=\"Promotion Avenue Pallaressa\">Promotion Avenue Pallaressa<\/a><\/h2><div class=\"portfolio-entry-categories entry-categories wpex-clr\"><a href=\"https:\/\/www.garciafaura.com\/fr\/portfolio-category\/ensembles-residentiels\/\" class=\"term-77\">Ensembles r\u00e9sidentiels<\/a><\/div><\/div><\/div><\/div><div class=\"portfolio-entry vcex-grid-item entry-has-details span_1_of_3 col col-3 vcex-isotope-entry vcex-no-margin-entry post-20733 entry type-portfolio has-media cat-77 translation_priority-5\"><div class=\"portfolio-entry-inner entry-inner wpex-clr\"><div class=\"portfolio-entry-media entry-media wpex-clr\"><a href=\"https:\/\/www.garciafaura.com\/wp-content\/uploads\/2018\/10\/Promocio\u0301-Vergo\u0301s-03.jpg\" title=\"Promotion Verg\u00f3s\" class=\"portfolio-entry-media-link wpex-lightbox-gallery\" data-gallery=\"[{&quot;src&quot;:&quot;https:\\\/\\\/www.garciafaura.com\\\/wp-content\\\/uploads\\\/2018\\\/10\\\/Promocio\\u0301-Vergo\\u0301s-03.jpg&quot;,&quot;title&quot;:&quot;Fermetures pour promotion de 17 logements de haut standing \\u00e0 Barcelone&quot;},{&quot;src&quot;:&quot;https:\\\/\\\/www.garciafaura.com\\\/wp-content\\\/uploads\\\/2018\\\/10\\\/Promocio\\u0301-Vergo\\u0301s-13.jpg&quot;,&quot;title&quot;:&quot;Tancaments en promoci\\u00f3 de 17 habitatges d&#039;alt standing a Barcelona&quot;},{&quot;src&quot;:&quot;https:\\\/\\\/www.garciafaura.com\\\/wp-content\\\/uploads\\\/2018\\\/10\\\/Promocio\\u0301-Vergo\\u0301s-12.jpg&quot;,&quot;title&quot;:&quot;Tancaments en promoci\\u00f3 de 17 habitatges d&#039;alt standing a Barcelona&quot;},{&quot;src&quot;:&quot;https:\\\/\\\/www.garciafaura.com\\\/wp-content\\\/uploads\\\/2018\\\/10\\\/Promocio\\u0301-Vergo\\u0301s-11.jpg&quot;,&quot;title&quot;:&quot;Tancaments en promoci\\u00f3 de 17 habitatges d&#039;alt standing a Barcelona&quot;},{&quot;src&quot;:&quot;https:\\\/\\\/www.garciafaura.com\\\/wp-content\\\/uploads\\\/2018\\\/10\\\/Promocio\\u0301-Vergo\\u0301s-10.jpg&quot;,&quot;title&quot;:&quot;Tancaments en promoci\\u00f3 de 17 habitatges d&#039;alt standing a Barcelona&quot;},{&quot;src&quot;:&quot;https:\\\/\\\/www.garciafaura.com\\\/wp-content\\\/uploads\\\/2018\\\/10\\\/Promocio\\u0301-Vergo\\u0301s-09.jpg&quot;,&quot;title&quot;:&quot;Tancaments en promoci\\u00f3 de 17 habitatges d&#039;alt standing a Barcelona&quot;},{&quot;src&quot;:&quot;https:\\\/\\\/www.garciafaura.com\\\/wp-content\\\/uploads\\\/2018\\\/10\\\/Promocio\\u0301-Vergo\\u0301s-08.jpg&quot;,&quot;title&quot;:&quot;Tancaments en promoci\\u00f3 de 17 habitatges d&#039;alt standing a Barcelona&quot;},{&quot;src&quot;:&quot;https:\\\/\\\/www.garciafaura.com\\\/wp-content\\\/uploads\\\/2018\\\/10\\\/Promocio\\u0301-Vergo\\u0301s-07.jpg&quot;,&quot;title&quot;:&quot;Tancaments en promoci\\u00f3 de 17 habitatges d&#039;alt standing a Barcelona&quot;},{&quot;src&quot;:&quot;https:\\\/\\\/www.garciafaura.com\\\/wp-content\\\/uploads\\\/2018\\\/10\\\/Promocio\\u0301-Vergo\\u0301s-06.jpg&quot;,&quot;title&quot;:&quot;Tancaments en promoci\\u00f3 de 17 habitatges d&#039;alt standing a Barcelona&quot;},{&quot;src&quot;:&quot;https:\\\/\\\/www.garciafaura.com\\\/wp-content\\\/uploads\\\/2018\\\/10\\\/Promocio\\u0301-Vergo\\u0301s-05.jpg&quot;,&quot;title&quot;:&quot;Tancaments en promoci\\u00f3 de 17 habitatges d&#039;alt standing a Barcelona&quot;},{&quot;src&quot;:&quot;https:\\\/\\\/www.garciafaura.com\\\/wp-content\\\/uploads\\\/2018\\\/10\\\/Promocio\\u0301-Vergo\\u0301s-04.jpg&quot;,&quot;title&quot;:&quot;Tancaments en promoci\\u00f3 de 17 habitatges d&#039;alt standing a Barcelona&quot;},{&quot;src&quot;:&quot;https:\\\/\\\/www.garciafaura.com\\\/wp-content\\\/uploads\\\/2018\\\/10\\\/Promocio\\u0301-Vergo\\u0301s-02.jpg&quot;,&quot;title&quot;:&quot;Tancaments en promoci\\u00f3 de 17 habitatges d&#039;alt standing a Barcelona&quot;},{&quot;src&quot;:&quot;https:\\\/\\\/www.garciafaura.com\\\/wp-content\\\/uploads\\\/2018\\\/10\\\/Promocio\\u0301-Vergo\\u0301s-01.jpg&quot;,&quot;title&quot;:&quot;Tancaments en promoci\\u00f3 de 17 habitatges d&#039;alt standing a Barcelona&quot;}]\"><img loading=\"lazy\" decoding=\"async\" width=\"1200\" height=\"628\" src=\"https:\/\/www.garciafaura.com\/wp-content\/uploads\/2018\/10\/Promocio\u0301-Vergo\u0301s-03.jpg\" class=\"portfolio-entry-img skip-lazy\" alt=\"Fermetures pour promotion de 17 logements de haut standing \u00e0 Barcelone\" data-no-lazy=\"1\" srcset=\"https:\/\/www.garciafaura.com\/wp-content\/uploads\/2018\/10\/Promocio\u0301-Vergo\u0301s-03.jpg 1200w, https:\/\/www.garciafaura.com\/wp-content\/uploads\/2018\/10\/Promocio\u0301-Vergo\u0301s-03-300x157.jpg 300w, https:\/\/www.garciafaura.com\/wp-content\/uploads\/2018\/10\/Promocio\u0301-Vergo\u0301s-03-768x402.jpg 768w, https:\/\/www.garciafaura.com\/wp-content\/uploads\/2018\/10\/Promocio\u0301-Vergo\u0301s-03-1024x536.jpg 1024w\" sizes=\"auto, (max-width: 1200px) 100vw, 1200px\" \/><\/a><\/div><div class=\"portfolio-entry-details entry-details wpex-clr\"><h2 class=\"portfolio-entry-title entry-title\"><a href=\"https:\/\/www.garciafaura.com\/fr\/portfolio-item\/promotion-vergos\/\" title=\"Promotion Verg\u00f3s\">Promotion Verg\u00f3s<\/a><\/h2><div class=\"portfolio-entry-categories entry-categories wpex-clr\"><a href=\"https:\/\/www.garciafaura.com\/fr\/portfolio-category\/ensembles-residentiels\/\" class=\"term-77\">Ensembles r\u00e9sidentiels<\/a><\/div><\/div><\/div><\/div><div class=\"portfolio-entry vcex-grid-item entry-has-details span_1_of_3 col col-1 vcex-isotope-entry vcex-no-margin-entry post-20731 entry type-portfolio has-media cat-77 translation_priority-5\"><div class=\"portfolio-entry-inner entry-inner wpex-clr\"><div class=\"portfolio-entry-media entry-media wpex-clr\"><a href=\"https:\/\/www.garciafaura.com\/wp-content\/uploads\/2018\/10\/Promocio\u0301-Parc-Tecnolo\u0300gic-Viladecans-02.jpg\" title=\"Promotion Parc Technologique Viladecans\" class=\"portfolio-entry-media-link wpex-lightbox-gallery\" data-gallery=\"[{&quot;src&quot;:&quot;https:\\\/\\\/www.garciafaura.com\\\/wp-content\\\/uploads\\\/2018\\\/10\\\/Promocio\\u0301-Parc-Tecnolo\\u0300gic-Viladecans-02.jpg&quot;,&quot;title&quot;:&quot;Fermetures en aluminium et verre pour ce bloc de Viladecans&quot;},{&quot;src&quot;:&quot;https:\\\/\\\/www.garciafaura.com\\\/wp-content\\\/uploads\\\/2018\\\/10\\\/Promocio\\u0301-Parc-Tecnolo\\u0300gic-Viladecans-12.jpg&quot;,&quot;title&quot;:&quot;Tancaments d&#039;alumini i vidre d&#039;aquest bloc de Viladecans&quot;},{&quot;src&quot;:&quot;https:\\\/\\\/www.garciafaura.com\\\/wp-content\\\/uploads\\\/2018\\\/10\\\/Promocio\\u0301-Parc-Tecnolo\\u0300gic-Viladecans-11.jpg&quot;,&quot;title&quot;:&quot;Tancaments d&#039;alumini i vidre d&#039;aquest bloc de Viladecans&quot;},{&quot;src&quot;:&quot;https:\\\/\\\/www.garciafaura.com\\\/wp-content\\\/uploads\\\/2018\\\/10\\\/Promocio\\u0301-Parc-Tecnolo\\u0300gic-Viladecans-10.jpg&quot;,&quot;title&quot;:&quot;Tancaments d&#039;alumini i vidre d&#039;aquest bloc de Viladecans&quot;},{&quot;src&quot;:&quot;https:\\\/\\\/www.garciafaura.com\\\/wp-content\\\/uploads\\\/2018\\\/10\\\/Promocio\\u0301-Parc-Tecnolo\\u0300gic-Viladecans-09.jpg&quot;,&quot;title&quot;:&quot;Tancaments d&#039;alumini i vidre d&#039;aquest bloc de Viladecans&quot;},{&quot;src&quot;:&quot;https:\\\/\\\/www.garciafaura.com\\\/wp-content\\\/uploads\\\/2018\\\/10\\\/Promocio\\u0301-Parc-Tecnolo\\u0300gic-Viladecans-08.jpg&quot;,&quot;title&quot;:&quot;Tancaments d&#039;alumini i vidre d&#039;aquest bloc de Viladecans&quot;},{&quot;src&quot;:&quot;https:\\\/\\\/www.garciafaura.com\\\/wp-content\\\/uploads\\\/2018\\\/10\\\/Promocio\\u0301-Parc-Tecnolo\\u0300gic-Viladecans-07.jpg&quot;,&quot;title&quot;:&quot;Tancaments d&#039;alumini i vidre d&#039;aquest bloc de Viladecans&quot;},{&quot;src&quot;:&quot;https:\\\/\\\/www.garciafaura.com\\\/wp-content\\\/uploads\\\/2018\\\/10\\\/Promocio\\u0301-Parc-Tecnolo\\u0300gic-Viladecans-06.jpg&quot;,&quot;title&quot;:&quot;Tancaments d&#039;alumini i vidre d&#039;aquest bloc de Viladecans&quot;},{&quot;src&quot;:&quot;https:\\\/\\\/www.garciafaura.com\\\/wp-content\\\/uploads\\\/2018\\\/10\\\/Promocio\\u0301-Parc-Tecnolo\\u0300gic-Viladecans-05.jpg&quot;,&quot;title&quot;:&quot;Tancaments d&#039;alumini i vidre d&#039;aquest bloc de Viladecans&quot;},{&quot;src&quot;:&quot;https:\\\/\\\/www.garciafaura.com\\\/wp-content\\\/uploads\\\/2018\\\/10\\\/Promocio\\u0301-Parc-Tecnolo\\u0300gic-Viladecans-04.jpg&quot;,&quot;title&quot;:&quot;Tancaments d&#039;alumini i vidre d&#039;aquest bloc de Viladecans&quot;},{&quot;src&quot;:&quot;https:\\\/\\\/www.garciafaura.com\\\/wp-content\\\/uploads\\\/2018\\\/10\\\/Promocio\\u0301-Parc-Tecnolo\\u0300gic-Viladecans-03.jpg&quot;,&quot;title&quot;:&quot;Tancaments d&#039;alumini i vidre d&#039;aquest bloc de Viladecans&quot;},{&quot;src&quot;:&quot;https:\\\/\\\/www.garciafaura.com\\\/wp-content\\\/uploads\\\/2018\\\/10\\\/Promocio\\u0301-Parc-Tecnolo\\u0300gic-Viladecans-01.jpg&quot;,&quot;title&quot;:&quot;Tancaments d&#039;alumini i vidre d&#039;aquest bloc de Viladecans&quot;}]\"><img loading=\"lazy\" decoding=\"async\" width=\"1200\" height=\"628\" src=\"https:\/\/www.garciafaura.com\/wp-content\/uploads\/2018\/10\/Promocio\u0301-Parc-Tecnolo\u0300gic-Viladecans-02.jpg\" class=\"portfolio-entry-img skip-lazy\" alt=\"Fermetures en aluminium et verre pour ce bloc de Viladecans\" data-no-lazy=\"1\" srcset=\"https:\/\/www.garciafaura.com\/wp-content\/uploads\/2018\/10\/Promocio\u0301-Parc-Tecnolo\u0300gic-Viladecans-02.jpg 1200w, https:\/\/www.garciafaura.com\/wp-content\/uploads\/2018\/10\/Promocio\u0301-Parc-Tecnolo\u0300gic-Viladecans-02-300x157.jpg 300w, https:\/\/www.garciafaura.com\/wp-content\/uploads\/2018\/10\/Promocio\u0301-Parc-Tecnolo\u0300gic-Viladecans-02-768x402.jpg 768w, https:\/\/www.garciafaura.com\/wp-content\/uploads\/2018\/10\/Promocio\u0301-Parc-Tecnolo\u0300gic-Viladecans-02-1024x536.jpg 1024w\" sizes=\"auto, (max-width: 1200px) 100vw, 1200px\" \/><\/a><\/div><div class=\"portfolio-entry-details entry-details wpex-clr\"><h2 class=\"portfolio-entry-title entry-title\"><a href=\"https:\/\/www.garciafaura.com\/fr\/portfolio-item\/promotion-parc-technologique-viladecans\/\" title=\"Promotion Parc Technologique Viladecans\">Promotion Parc Technologique Viladecans<\/a><\/h2><div class=\"portfolio-entry-categories entry-categories wpex-clr\"><a href=\"https:\/\/www.garciafaura.com\/fr\/portfolio-category\/ensembles-residentiels\/\" class=\"term-77\">Ensembles r\u00e9sidentiels<\/a><\/div><\/div><\/div><\/div><div class=\"portfolio-entry vcex-grid-item entry-has-details span_1_of_3 col col-2 vcex-isotope-entry vcex-no-margin-entry post-20727 entry type-portfolio has-media cat-77 translation_priority-5\"><div class=\"portfolio-entry-inner entry-inner wpex-clr\"><div class=\"portfolio-entry-media entry-media wpex-clr\"><a href=\"https:\/\/www.garciafaura.com\/wp-content\/uploads\/2018\/10\/Promocio\u0301-Sant-Roc-Badalona-01.jpg\" title=\"Promotion Sant Roc\" class=\"portfolio-entry-media-link wpex-lightbox-gallery\" data-gallery=\"[{&quot;src&quot;:&quot;https:\\\/\\\/www.garciafaura.com\\\/wp-content\\\/uploads\\\/2018\\\/10\\\/Promocio\\u0301-Sant-Roc-Badalona-01.jpg&quot;,&quot;title&quot;:&quot;Fermetures pour 28 logements sociaux \\u00e0 Badalona.&quot;},{&quot;src&quot;:&quot;https:\\\/\\\/www.garciafaura.com\\\/wp-content\\\/uploads\\\/2018\\\/10\\\/Promocio\\u0301-Sant-Roc-Badalona-10.jpg&quot;,&quot;title&quot;:&quot;Tancaments de 28 habitatges de protecci\\u00f3 oficial a Badalona&quot;},{&quot;src&quot;:&quot;https:\\\/\\\/www.garciafaura.com\\\/wp-content\\\/uploads\\\/2018\\\/10\\\/Promocio\\u0301-Sant-Roc-Badalona-09.jpg&quot;,&quot;title&quot;:&quot;Tancaments de 28 habitatges de protecci\\u00f3 oficial a Badalona&quot;},{&quot;src&quot;:&quot;https:\\\/\\\/www.garciafaura.com\\\/wp-content\\\/uploads\\\/2018\\\/10\\\/Promocio\\u0301-Sant-Roc-Badalona-08.jpg&quot;,&quot;title&quot;:&quot;Tancaments de 28 habitatges de protecci\\u00f3 oficial a Badalona&quot;},{&quot;src&quot;:&quot;https:\\\/\\\/www.garciafaura.com\\\/wp-content\\\/uploads\\\/2018\\\/10\\\/Promocio\\u0301-Sant-Roc-Badalona-07.jpg&quot;,&quot;title&quot;:&quot;Tancaments de 28 habitatges de protecci\\u00f3 oficial a Badalona&quot;},{&quot;src&quot;:&quot;https:\\\/\\\/www.garciafaura.com\\\/wp-content\\\/uploads\\\/2018\\\/10\\\/Promocio\\u0301-Sant-Roc-Badalona-06.jpg&quot;,&quot;title&quot;:&quot;Tancaments de 28 habitatges de protecci\\u00f3 oficial a Badalona&quot;},{&quot;src&quot;:&quot;https:\\\/\\\/www.garciafaura.com\\\/wp-content\\\/uploads\\\/2018\\\/10\\\/Promocio\\u0301-Sant-Roc-Badalona-05.jpg&quot;,&quot;title&quot;:&quot;Tancaments de 28 habitatges de protecci\\u00f3 oficial a Badalona&quot;},{&quot;src&quot;:&quot;https:\\\/\\\/www.garciafaura.com\\\/wp-content\\\/uploads\\\/2018\\\/10\\\/Promocio\\u0301-Sant-Roc-Badalona-04.jpg&quot;,&quot;title&quot;:&quot;Tancaments de 28 habitatges de protecci\\u00f3 oficial a Badalona&quot;},{&quot;src&quot;:&quot;https:\\\/\\\/www.garciafaura.com\\\/wp-content\\\/uploads\\\/2018\\\/10\\\/Promocio\\u0301-Sant-Roc-Badalona-03.jpg&quot;,&quot;title&quot;:&quot;Tancaments de 28 habitatges de protecci\\u00f3 oficial a Badalona&quot;},{&quot;src&quot;:&quot;https:\\\/\\\/www.garciafaura.com\\\/wp-content\\\/uploads\\\/2018\\\/10\\\/Promocio\\u0301-Sant-Roc-Badalona-02.jpg&quot;,&quot;title&quot;:&quot;Tancaments de 28 habitatges de protecci\\u00f3 oficial a Badalona&quot;}]\"><img loading=\"lazy\" decoding=\"async\" width=\"1200\" height=\"628\" src=\"https:\/\/www.garciafaura.com\/wp-content\/uploads\/2018\/10\/Promocio\u0301-Sant-Roc-Badalona-01.jpg\" class=\"portfolio-entry-img skip-lazy\" alt=\"Fermetures pour 28 logements sociaux \u00e0 Badalona.\" data-no-lazy=\"1\" srcset=\"https:\/\/www.garciafaura.com\/wp-content\/uploads\/2018\/10\/Promocio\u0301-Sant-Roc-Badalona-01.jpg 1200w, https:\/\/www.garciafaura.com\/wp-content\/uploads\/2018\/10\/Promocio\u0301-Sant-Roc-Badalona-01-300x157.jpg 300w, https:\/\/www.garciafaura.com\/wp-content\/uploads\/2018\/10\/Promocio\u0301-Sant-Roc-Badalona-01-768x402.jpg 768w, https:\/\/www.garciafaura.com\/wp-content\/uploads\/2018\/10\/Promocio\u0301-Sant-Roc-Badalona-01-1024x536.jpg 1024w\" sizes=\"auto, (max-width: 1200px) 100vw, 1200px\" \/><\/a><\/div><div class=\"portfolio-entry-details entry-details wpex-clr\"><h2 class=\"portfolio-entry-title entry-title\"><a href=\"https:\/\/www.garciafaura.com\/fr\/portfolio-item\/promotion-sant-roc\/\" title=\"Promotion Sant Roc\">Promotion Sant Roc<\/a><\/h2><div class=\"portfolio-entry-categories entry-categories wpex-clr\"><a href=\"https:\/\/www.garciafaura.com\/fr\/portfolio-category\/ensembles-residentiels\/\" class=\"term-77\">Ensembles r\u00e9sidentiels<\/a><\/div><\/div><\/div><\/div><div class=\"portfolio-entry vcex-grid-item entry-has-details span_1_of_3 col col-3 vcex-isotope-entry vcex-no-margin-entry post-20726 entry type-portfolio has-media cat-77 translation_priority-5\"><div class=\"portfolio-entry-inner entry-inner wpex-clr\"><div class=\"portfolio-entry-media entry-media wpex-clr\"><a href=\"https:\/\/www.garciafaura.com\/wp-content\/uploads\/2018\/10\/Promocio\u0301-Constitucio\u0301-Viladecans-01.jpg\" title=\"Promotion Constituci\u00f3\" class=\"portfolio-entry-media-link wpex-lightbox-gallery\" data-gallery=\"[{&quot;src&quot;:&quot;https:\\\/\\\/www.garciafaura.com\\\/wp-content\\\/uploads\\\/2018\\\/11\\\/Promocio\\u0301-plac\\u0327a-Constitucio\\u0301-Viladecans-01.jpg&quot;,&quot;title&quot;:&quot;Fermetures en aluminium et verre pour promotion de logements \\u00e0 Viladecans&quot;},{&quot;src&quot;:&quot;https:\\\/\\\/www.garciafaura.com\\\/wp-content\\\/uploads\\\/2018\\\/10\\\/Promocio\\u0301-Constitucio\\u0301-Viladecans-01.jpg&quot;,&quot;title&quot;:&quot;Fermetures en aluminium et verre pour promotion de logements \\u00e0 Viladecans&quot;},{&quot;src&quot;:&quot;https:\\\/\\\/www.garciafaura.com\\\/wp-content\\\/uploads\\\/2018\\\/10\\\/Promocio\\u0301-Constitucio\\u0301-Viladecans-02.jpg&quot;,&quot;title&quot;:&quot;Fermetures en aluminium et verre pour promotion de logements \\u00e0 Viladecans&quot;},{&quot;src&quot;:&quot;https:\\\/\\\/www.garciafaura.com\\\/wp-content\\\/uploads\\\/2018\\\/10\\\/Promocio\\u0301-Constitucio\\u0301-Viladecans-03.jpg&quot;,&quot;title&quot;:&quot;Fermetures en aluminium et verre pour promotion de logements \\u00e0 Viladecans&quot;},{&quot;src&quot;:&quot;https:\\\/\\\/www.garciafaura.com\\\/wp-content\\\/uploads\\\/2018\\\/10\\\/Promocio\\u0301-Constitucio\\u0301-Viladecans-04.jpg&quot;,&quot;title&quot;:&quot;Fermetures en aluminium et verre pour promotion de logements \\u00e0 Viladecans&quot;},{&quot;src&quot;:&quot;https:\\\/\\\/www.garciafaura.com\\\/wp-content\\\/uploads\\\/2018\\\/10\\\/Promocio\\u0301-Constitucio\\u0301-Viladecans-05.jpg&quot;,&quot;title&quot;:&quot;Fermetures en aluminium et verre pour promotion de logements \\u00e0 Viladecans&quot;},{&quot;src&quot;:&quot;https:\\\/\\\/www.garciafaura.com\\\/wp-content\\\/uploads\\\/2018\\\/10\\\/Promocio\\u0301-Constitucio\\u0301-Viladecans-06.jpg&quot;,&quot;title&quot;:&quot;Fermetures en aluminium et verre pour promotion de logements \\u00e0 Viladecans&quot;},{&quot;src&quot;:&quot;https:\\\/\\\/www.garciafaura.com\\\/wp-content\\\/uploads\\\/2018\\\/10\\\/Promocio\\u0301-Constitucio\\u0301-Viladecans-07.jpg&quot;,&quot;title&quot;:&quot;Fermetures en aluminium et verre pour promotion de logements \\u00e0 Viladecans&quot;}]\"><img loading=\"lazy\" decoding=\"async\" width=\"1200\" height=\"628\" src=\"https:\/\/www.garciafaura.com\/wp-content\/uploads\/2018\/10\/Promocio\u0301-Constitucio\u0301-Viladecans-01.jpg\" class=\"portfolio-entry-img skip-lazy\" alt=\"Fermetures en aluminium et verre pour promotion de logements \u00e0 Viladecans\" data-no-lazy=\"1\" srcset=\"https:\/\/www.garciafaura.com\/wp-content\/uploads\/2018\/10\/Promocio\u0301-Constitucio\u0301-Viladecans-01.jpg 1200w, https:\/\/www.garciafaura.com\/wp-content\/uploads\/2018\/10\/Promocio\u0301-Constitucio\u0301-Viladecans-01-300x157.jpg 300w, https:\/\/www.garciafaura.com\/wp-content\/uploads\/2018\/10\/Promocio\u0301-Constitucio\u0301-Viladecans-01-768x402.jpg 768w, https:\/\/www.garciafaura.com\/wp-content\/uploads\/2018\/10\/Promocio\u0301-Constitucio\u0301-Viladecans-01-1024x536.jpg 1024w\" sizes=\"auto, (max-width: 1200px) 100vw, 1200px\" \/><\/a><\/div><div class=\"portfolio-entry-details entry-details wpex-clr\"><h2 class=\"portfolio-entry-title entry-title\"><a href=\"https:\/\/www.garciafaura.com\/fr\/portfolio-item\/promotion-constitucio\/\" title=\"Promotion Constituci\u00f3\">Promotion Constituci\u00f3<\/a><\/h2><div class=\"portfolio-entry-categories entry-categories wpex-clr\"><a href=\"https:\/\/www.garciafaura.com\/fr\/portfolio-category\/ensembles-residentiels\/\" class=\"term-77\">Ensembles r\u00e9sidentiels<\/a><\/div><\/div><\/div><\/div><div class=\"portfolio-entry vcex-grid-item entry-has-details span_1_of_3 col col-1 vcex-isotope-entry vcex-no-margin-entry post-20718 entry type-portfolio has-media cat-77 translation_priority-5\"><div class=\"portfolio-entry-inner entry-inner wpex-clr\"><div class=\"portfolio-entry-media entry-media wpex-clr\"><a href=\"https:\/\/www.garciafaura.com\/wp-content\/uploads\/2018\/10\/Promocio\u0301-Residencial-Moli\u0301-Nou-St-Boi-01.jpg\" title=\"Lotissement Mol\u00ed Nou\" class=\"portfolio-entry-media-link wpex-lightbox-gallery\" data-gallery=\"[{&quot;src&quot;:&quot;https:\\\/\\\/www.garciafaura.com\\\/wp-content\\\/uploads\\\/2018\\\/10\\\/Promocio\\u0301-Residencial-Moli\\u0301-Nou-St-Boi-01.jpg&quot;,&quot;title&quot;:&quot;Promotion de logements \\u00e0 Sant Boi de Llobregat&quot;},{&quot;src&quot;:&quot;https:\\\/\\\/www.garciafaura.com\\\/wp-content\\\/uploads\\\/2018\\\/10\\\/Promocio\\u0301-Residencial-Moli\\u0301-Nou-St-Boi-19.jpg&quot;,&quot;title&quot;:&quot;Promoci\\u00f3 d&#039;habitatges Sant Boi de Llobregat&quot;},{&quot;src&quot;:&quot;https:\\\/\\\/www.garciafaura.com\\\/wp-content\\\/uploads\\\/2018\\\/10\\\/Promocio\\u0301-Residencial-Moli\\u0301-Nou-St-Boi-18.jpg&quot;,&quot;title&quot;:&quot;Promoci\\u00f3 d&#039;habitatges Sant Boi de Llobregat&quot;},{&quot;src&quot;:&quot;https:\\\/\\\/www.garciafaura.com\\\/wp-content\\\/uploads\\\/2018\\\/10\\\/Promocio\\u0301-Residencial-Moli\\u0301-Nou-St-Boi-17.jpg&quot;,&quot;title&quot;:&quot;Promoci\\u00f3 d&#039;habitatges Sant Boi de Llobregat&quot;},{&quot;src&quot;:&quot;https:\\\/\\\/www.garciafaura.com\\\/wp-content\\\/uploads\\\/2018\\\/10\\\/Promocio\\u0301-Residencial-Moli\\u0301-Nou-St-Boi-16.jpg&quot;,&quot;title&quot;:&quot;Promoci\\u00f3 d&#039;habitatges Sant Boi de Llobregat&quot;},{&quot;src&quot;:&quot;https:\\\/\\\/www.garciafaura.com\\\/wp-content\\\/uploads\\\/2018\\\/10\\\/Promocio\\u0301-Residencial-Moli\\u0301-Nou-St-Boi-15.jpg&quot;,&quot;title&quot;:&quot;Promoci\\u00f3 d&#039;habitatges Sant Boi de Llobregat&quot;},{&quot;src&quot;:&quot;https:\\\/\\\/www.garciafaura.com\\\/wp-content\\\/uploads\\\/2018\\\/10\\\/Promocio\\u0301-Residencial-Moli\\u0301-Nou-St-Boi-14.jpg&quot;,&quot;title&quot;:&quot;Promoci\\u00f3 d&#039;habitatges Sant Boi de Llobregat&quot;},{&quot;src&quot;:&quot;https:\\\/\\\/www.garciafaura.com\\\/wp-content\\\/uploads\\\/2018\\\/10\\\/Promocio\\u0301-Residencial-Moli\\u0301-Nou-St-Boi-13.jpg&quot;,&quot;title&quot;:&quot;Promoci\\u00f3 d&#039;habitatges Sant Boi de Llobregat&quot;},{&quot;src&quot;:&quot;https:\\\/\\\/www.garciafaura.com\\\/wp-content\\\/uploads\\\/2018\\\/10\\\/Promocio\\u0301-Residencial-Moli\\u0301-Nou-St-Boi-12.jpg&quot;,&quot;title&quot;:&quot;Promoci\\u00f3 d&#039;habitatges Sant Boi de Llobregat&quot;},{&quot;src&quot;:&quot;https:\\\/\\\/www.garciafaura.com\\\/wp-content\\\/uploads\\\/2018\\\/10\\\/Promocio\\u0301-Residencial-Moli\\u0301-Nou-St-Boi-11.jpg&quot;,&quot;title&quot;:&quot;Promoci\\u00f3 d&#039;habitatges Sant Boi de Llobregat&quot;},{&quot;src&quot;:&quot;https:\\\/\\\/www.garciafaura.com\\\/wp-content\\\/uploads\\\/2018\\\/10\\\/Promocio\\u0301-Residencial-Moli\\u0301-Nou-St-Boi-10.jpg&quot;,&quot;title&quot;:&quot;Promoci\\u00f3 d&#039;habitatges Sant Boi de Llobregat&quot;},{&quot;src&quot;:&quot;https:\\\/\\\/www.garciafaura.com\\\/wp-content\\\/uploads\\\/2018\\\/10\\\/Promocio\\u0301-Residencial-Moli\\u0301-Nou-St-Boi-09.jpg&quot;,&quot;title&quot;:&quot;Promoci\\u00f3 d&#039;habitatges Sant Boi de Llobregat&quot;},{&quot;src&quot;:&quot;https:\\\/\\\/www.garciafaura.com\\\/wp-content\\\/uploads\\\/2018\\\/10\\\/Promocio\\u0301-Residencial-Moli\\u0301-Nou-St-Boi-08.jpg&quot;,&quot;title&quot;:&quot;Promoci\\u00f3 d&#039;habitatges Sant Boi de Llobregat&quot;},{&quot;src&quot;:&quot;https:\\\/\\\/www.garciafaura.com\\\/wp-content\\\/uploads\\\/2018\\\/10\\\/Promocio\\u0301-Residencial-Moli\\u0301-Nou-St-Boi-07.jpg&quot;,&quot;title&quot;:&quot;Promoci\\u00f3 d&#039;habitatges Sant Boi de Llobregat&quot;},{&quot;src&quot;:&quot;https:\\\/\\\/www.garciafaura.com\\\/wp-content\\\/uploads\\\/2018\\\/10\\\/Promocio\\u0301-Residencial-Moli\\u0301-Nou-St-Boi-06.jpg&quot;,&quot;title&quot;:&quot;Promoci\\u00f3 d&#039;habitatges Sant Boi de Llobregat&quot;},{&quot;src&quot;:&quot;https:\\\/\\\/www.garciafaura.com\\\/wp-content\\\/uploads\\\/2018\\\/10\\\/Promocio\\u0301-Residencial-Moli\\u0301-Nou-St-Boi-05.jpg&quot;,&quot;title&quot;:&quot;Promoci\\u00f3 d&#039;habitatges Sant Boi de Llobregat&quot;},{&quot;src&quot;:&quot;https:\\\/\\\/www.garciafaura.com\\\/wp-content\\\/uploads\\\/2018\\\/10\\\/Promocio\\u0301-Residencial-Moli\\u0301-Nou-St-Boi-04.jpg&quot;,&quot;title&quot;:&quot;Promoci\\u00f3 d&#039;habitatges Sant Boi de Llobregat&quot;},{&quot;src&quot;:&quot;https:\\\/\\\/www.garciafaura.com\\\/wp-content\\\/uploads\\\/2018\\\/10\\\/Promocio\\u0301-Residencial-Moli\\u0301-Nou-St-Boi-03.jpg&quot;,&quot;title&quot;:&quot;Promoci\\u00f3 d&#039;habitatges Sant Boi de Llobregat&quot;},{&quot;src&quot;:&quot;https:\\\/\\\/www.garciafaura.com\\\/wp-content\\\/uploads\\\/2018\\\/10\\\/Promocio\\u0301-Residencial-Moli\\u0301-Nou-St-Boi-02.jpg&quot;,&quot;title&quot;:&quot;Promoci\\u00f3 d&#039;habitatges Sant Boi de Llobregat&quot;}]\"><img loading=\"lazy\" decoding=\"async\" width=\"1200\" height=\"628\" src=\"https:\/\/www.garciafaura.com\/wp-content\/uploads\/2018\/10\/Promocio\u0301-Residencial-Moli\u0301-Nou-St-Boi-01.jpg\" class=\"portfolio-entry-img skip-lazy\" alt=\"Promotion de logements \u00e0 Sant Boi de Llobregat\" data-no-lazy=\"1\" srcset=\"https:\/\/www.garciafaura.com\/wp-content\/uploads\/2018\/10\/Promocio\u0301-Residencial-Moli\u0301-Nou-St-Boi-01.jpg 1200w, https:\/\/www.garciafaura.com\/wp-content\/uploads\/2018\/10\/Promocio\u0301-Residencial-Moli\u0301-Nou-St-Boi-01-300x157.jpg 300w, https:\/\/www.garciafaura.com\/wp-content\/uploads\/2018\/10\/Promocio\u0301-Residencial-Moli\u0301-Nou-St-Boi-01-768x402.jpg 768w, https:\/\/www.garciafaura.com\/wp-content\/uploads\/2018\/10\/Promocio\u0301-Residencial-Moli\u0301-Nou-St-Boi-01-1024x536.jpg 1024w\" sizes=\"auto, (max-width: 1200px) 100vw, 1200px\" \/><\/a><\/div><div class=\"portfolio-entry-details entry-details wpex-clr\"><h2 class=\"portfolio-entry-title entry-title\"><a href=\"https:\/\/www.garciafaura.com\/fr\/portfolio-item\/lotissement-moli-nou\/\" title=\"Lotissement Mol\u00ed Nou\">Lotissement Mol\u00ed Nou<\/a><\/h2><div class=\"portfolio-entry-categories entry-categories wpex-clr\"><a href=\"https:\/\/www.garciafaura.com\/fr\/portfolio-category\/ensembles-residentiels\/\" class=\"term-77\">Ensembles r\u00e9sidentiels<\/a><\/div><\/div><\/div><\/div><div class=\"portfolio-entry vcex-grid-item entry-has-details span_1_of_3 col col-2 vcex-isotope-entry vcex-no-margin-entry post-20715 entry type-portfolio has-media cat-77 translation_priority-5\"><div class=\"portfolio-entry-inner entry-inner wpex-clr\"><div class=\"portfolio-entry-media entry-media wpex-clr\"><a href=\"https:\/\/www.garciafaura.com\/wp-content\/uploads\/2018\/10\/Promocio\u0301-La-Sagrera-06.jpg\" title=\"Promotion La Sagrera\" class=\"portfolio-entry-media-link wpex-lightbox-gallery\" data-gallery=\"[{&quot;src&quot;:&quot;https:\\\/\\\/www.garciafaura.com\\\/wp-content\\\/uploads\\\/2018\\\/10\\\/Promocio\\u0301-La-Sagrera-05.jpg&quot;,&quot;title&quot;:&quot;Tancaments d&#039;alumini i vidre\\u00a0per a 82 habitatges a Barcelona&quot;},{&quot;src&quot;:&quot;https:\\\/\\\/www.garciafaura.com\\\/wp-content\\\/uploads\\\/2018\\\/10\\\/Promocio\\u0301-La-Sagrera-04.jpg&quot;,&quot;title&quot;:&quot;Tancaments d&#039;alumini i vidre\\u00a0per a 82 habitatges a Barcelona&quot;},{&quot;src&quot;:&quot;https:\\\/\\\/www.garciafaura.com\\\/wp-content\\\/uploads\\\/2018\\\/10\\\/Promocio\\u0301-La-Sagrera-03.jpg&quot;,&quot;title&quot;:&quot;Tancaments d&#039;alumini i vidre\\u00a0per a 82 habitatges a Barcelona&quot;},{&quot;src&quot;:&quot;https:\\\/\\\/www.garciafaura.com\\\/wp-content\\\/uploads\\\/2018\\\/10\\\/Promocio\\u0301-La-Sagrera-02.jpg&quot;,&quot;title&quot;:&quot;Tancaments d&#039;alumini i vidre\\u00a0per a 82 habitatges a Barcelona&quot;},{&quot;src&quot;:&quot;https:\\\/\\\/www.garciafaura.com\\\/wp-content\\\/uploads\\\/2018\\\/10\\\/Promocio\\u0301-La-Sagrera-01.jpg&quot;,&quot;title&quot;:&quot;Tancaments d&#039;alumini i vidre\\u00a0per a 82 habitatges a Barcelona&quot;},{&quot;src&quot;:&quot;https:\\\/\\\/www.garciafaura.com\\\/wp-content\\\/uploads\\\/2018\\\/10\\\/Promocio\\u0301-La-Sagrera-06.jpg&quot;,&quot;title&quot;:&quot;Fermetures en aluminium et verre pour 82 logements \\u00e0 Barcelone.&quot;}]\"><img loading=\"lazy\" decoding=\"async\" width=\"1200\" height=\"628\" src=\"https:\/\/www.garciafaura.com\/wp-content\/uploads\/2018\/10\/Promocio\u0301-La-Sagrera-06.jpg\" class=\"portfolio-entry-img skip-lazy\" alt=\"Fermetures en aluminium et verre pour 82 logements \u00e0 Barcelone.\" data-no-lazy=\"1\" srcset=\"https:\/\/www.garciafaura.com\/wp-content\/uploads\/2018\/10\/Promocio\u0301-La-Sagrera-06.jpg 1200w, https:\/\/www.garciafaura.com\/wp-content\/uploads\/2018\/10\/Promocio\u0301-La-Sagrera-06-300x157.jpg 300w, https:\/\/www.garciafaura.com\/wp-content\/uploads\/2018\/10\/Promocio\u0301-La-Sagrera-06-768x402.jpg 768w, https:\/\/www.garciafaura.com\/wp-content\/uploads\/2018\/10\/Promocio\u0301-La-Sagrera-06-1024x536.jpg 1024w\" sizes=\"auto, (max-width: 1200px) 100vw, 1200px\" \/><\/a><\/div><div class=\"portfolio-entry-details entry-details wpex-clr\"><h2 class=\"portfolio-entry-title entry-title\"><a href=\"https:\/\/www.garciafaura.com\/fr\/portfolio-item\/promotion-la-sagrera\/\" title=\"Promotion La Sagrera\">Promotion La Sagrera<\/a><\/h2><div class=\"portfolio-entry-categories entry-categories wpex-clr\"><a href=\"https:\/\/www.garciafaura.com\/fr\/portfolio-category\/ensembles-residentiels\/\" class=\"term-77\">Ensembles r\u00e9sidentiels<\/a><\/div><\/div><\/div><\/div><div class=\"portfolio-entry vcex-grid-item entry-has-details span_1_of_3 col col-3 vcex-isotope-entry vcex-no-margin-entry post-20716 entry type-portfolio has-media cat-77 translation_priority-5\"><div class=\"portfolio-entry-inner entry-inner wpex-clr\"><div class=\"portfolio-entry-media entry-media wpex-clr\"><a href=\"https:\/\/www.garciafaura.com\/wp-content\/uploads\/2018\/10\/Residencial-Les-Masies-Sant-Joan-Despi\u0301-01.jpg\" title=\"Lotissement Les Masies\" class=\"portfolio-entry-media-link wpex-lightbox-gallery\" data-gallery=\"[{&quot;src&quot;:&quot;https:\\\/\\\/www.garciafaura.com\\\/wp-content\\\/uploads\\\/2018\\\/10\\\/Residencial-Les-Masies-Sant-Joan-Despi\\u0301-01.jpg&quot;,&quot;title&quot;:&quot;Fermetures pour 103 logements \\u00e0 Sant Joan Desp\\u00ed&quot;},{&quot;src&quot;:&quot;https:\\\/\\\/www.garciafaura.com\\\/wp-content\\\/uploads\\\/2018\\\/10\\\/Residencial-Les-Masies-Sant-Joan-Despi\\u0301-17.jpg&quot;,&quot;title&quot;:&quot;Tancaments per 103 habitatges a Sant Joan Desp\\u00ed&quot;},{&quot;src&quot;:&quot;https:\\\/\\\/www.garciafaura.com\\\/wp-content\\\/uploads\\\/2018\\\/10\\\/Residencial-Les-Masies-Sant-Joan-Despi\\u0301-16.jpg&quot;,&quot;title&quot;:&quot;Tancaments per 103 habitatges a Sant Joan Desp\\u00ed&quot;},{&quot;src&quot;:&quot;https:\\\/\\\/www.garciafaura.com\\\/wp-content\\\/uploads\\\/2018\\\/10\\\/Residencial-Les-Masies-Sant-Joan-Despi\\u0301-15.jpg&quot;,&quot;title&quot;:&quot;Tancaments per 103 habitatges a Sant Joan Desp\\u00ed&quot;},{&quot;src&quot;:&quot;https:\\\/\\\/www.garciafaura.com\\\/wp-content\\\/uploads\\\/2018\\\/10\\\/Residencial-Les-Masies-Sant-Joan-Despi\\u0301-13.jpg&quot;,&quot;title&quot;:&quot;Tancaments per 103 habitatges a Sant Joan Desp\\u00ed&quot;},{&quot;src&quot;:&quot;https:\\\/\\\/www.garciafaura.com\\\/wp-content\\\/uploads\\\/2018\\\/10\\\/Residencial-Les-Masies-Sant-Joan-Despi\\u0301-14.jpg&quot;,&quot;title&quot;:&quot;Tancaments per 103 habitatges a Sant Joan Desp\\u00ed&quot;},{&quot;src&quot;:&quot;https:\\\/\\\/www.garciafaura.com\\\/wp-content\\\/uploads\\\/2018\\\/10\\\/Residencial-Les-Masies-Sant-Joan-Despi\\u0301-12.jpg&quot;,&quot;title&quot;:&quot;Tancaments per 103 habitatges a Sant Joan Desp\\u00ed&quot;},{&quot;src&quot;:&quot;https:\\\/\\\/www.garciafaura.com\\\/wp-content\\\/uploads\\\/2018\\\/10\\\/Residencial-Les-Masies-Sant-Joan-Despi\\u0301-11.jpg&quot;,&quot;title&quot;:&quot;Tancaments per 103 habitatges a Sant Joan Desp\\u00ed&quot;},{&quot;src&quot;:&quot;https:\\\/\\\/www.garciafaura.com\\\/wp-content\\\/uploads\\\/2018\\\/10\\\/Residencial-Les-Masies-Sant-Joan-Despi\\u0301-10.jpg&quot;,&quot;title&quot;:&quot;Tancaments per 103 habitatges a Sant Joan Desp\\u00ed&quot;},{&quot;src&quot;:&quot;https:\\\/\\\/www.garciafaura.com\\\/wp-content\\\/uploads\\\/2018\\\/10\\\/Residencial-Les-Masies-Sant-Joan-Despi\\u0301-09.jpg&quot;,&quot;title&quot;:&quot;Tancaments per 103 habitatges a Sant Joan Desp\\u00ed&quot;},{&quot;src&quot;:&quot;https:\\\/\\\/www.garciafaura.com\\\/wp-content\\\/uploads\\\/2018\\\/10\\\/Residencial-Les-Masies-Sant-Joan-Despi\\u0301-08.jpg&quot;,&quot;title&quot;:&quot;Tancaments per 103 habitatges a Sant Joan Desp\\u00ed&quot;},{&quot;src&quot;:&quot;https:\\\/\\\/www.garciafaura.com\\\/wp-content\\\/uploads\\\/2018\\\/10\\\/Residencial-Les-Masies-Sant-Joan-Despi\\u0301-07.jpg&quot;,&quot;title&quot;:&quot;Tancaments per 103 habitatges a Sant Joan Desp\\u00ed&quot;},{&quot;src&quot;:&quot;https:\\\/\\\/www.garciafaura.com\\\/wp-content\\\/uploads\\\/2018\\\/10\\\/Residencial-Les-Masies-Sant-Joan-Despi\\u0301-06.jpg&quot;,&quot;title&quot;:&quot;Tancaments per 103 habitatges a Sant Joan Desp\\u00ed&quot;},{&quot;src&quot;:&quot;https:\\\/\\\/www.garciafaura.com\\\/wp-content\\\/uploads\\\/2018\\\/10\\\/Residencial-Les-Masies-Sant-Joan-Despi\\u0301-05.jpg&quot;,&quot;title&quot;:&quot;Tancaments per 103 habitatges a Sant Joan Desp\\u00ed&quot;},{&quot;src&quot;:&quot;https:\\\/\\\/www.garciafaura.com\\\/wp-content\\\/uploads\\\/2018\\\/10\\\/Residencial-Les-Masies-Sant-Joan-Despi\\u0301-04.jpg&quot;,&quot;title&quot;:&quot;Tancaments per 103 habitatges a Sant Joan Desp\\u00ed&quot;},{&quot;src&quot;:&quot;https:\\\/\\\/www.garciafaura.com\\\/wp-content\\\/uploads\\\/2018\\\/10\\\/Residencial-Les-Masies-Sant-Joan-Despi\\u0301-03.jpg&quot;,&quot;title&quot;:&quot;Tancaments per 103 habitatges a Sant Joan Desp\\u00ed&quot;},{&quot;src&quot;:&quot;https:\\\/\\\/www.garciafaura.com\\\/wp-content\\\/uploads\\\/2018\\\/10\\\/Residencial-Les-Masies-Sant-Joan-Despi\\u0301-02.jpg&quot;,&quot;title&quot;:&quot;Tancaments per 103 habitatges a Sant Joan Desp\\u00ed&quot;}]\"><img loading=\"lazy\" decoding=\"async\" width=\"1200\" height=\"628\" src=\"https:\/\/www.garciafaura.com\/wp-content\/uploads\/2018\/10\/Residencial-Les-Masies-Sant-Joan-Despi\u0301-01.jpg\" class=\"portfolio-entry-img skip-lazy\" alt=\"Fermetures pour 103 logements \u00e0 Sant Joan Desp\u00ed\" data-no-lazy=\"1\" srcset=\"https:\/\/www.garciafaura.com\/wp-content\/uploads\/2018\/10\/Residencial-Les-Masies-Sant-Joan-Despi\u0301-01.jpg 1200w, https:\/\/www.garciafaura.com\/wp-content\/uploads\/2018\/10\/Residencial-Les-Masies-Sant-Joan-Despi\u0301-01-300x157.jpg 300w, https:\/\/www.garciafaura.com\/wp-content\/uploads\/2018\/10\/Residencial-Les-Masies-Sant-Joan-Despi\u0301-01-768x402.jpg 768w, https:\/\/www.garciafaura.com\/wp-content\/uploads\/2018\/10\/Residencial-Les-Masies-Sant-Joan-Despi\u0301-01-1024x536.jpg 1024w\" sizes=\"auto, (max-width: 1200px) 100vw, 1200px\" \/><\/a><\/div><div class=\"portfolio-entry-details entry-details wpex-clr\"><h2 class=\"portfolio-entry-title entry-title\"><a href=\"https:\/\/www.garciafaura.com\/fr\/portfolio-item\/lotissement-les-masies\/\" title=\"Lotissement Les Masies\">Lotissement Les Masies<\/a><\/h2><div class=\"portfolio-entry-categories entry-categories wpex-clr\"><a href=\"https:\/\/www.garciafaura.com\/fr\/portfolio-category\/ensembles-residentiels\/\" class=\"term-77\">Ensembles r\u00e9sidentiels<\/a><\/div><\/div><\/div><\/div><div class=\"portfolio-entry vcex-grid-item entry-has-details span_1_of_3 col col-1 vcex-isotope-entry vcex-no-margin-entry post-20712 entry type-portfolio has-media cat-77 translation_priority-5\"><div class=\"portfolio-entry-inner entry-inner wpex-clr\"><div class=\"portfolio-entry-media entry-media wpex-clr\"><a href=\"https:\/\/www.garciafaura.com\/wp-content\/uploads\/2018\/10\/Promocio-Sant-Cugat-05.jpg\" title=\"Promotion Sant Cugat\" class=\"portfolio-entry-media-link wpex-lightbox-gallery\" data-gallery=\"[{&quot;src&quot;:&quot;https:\\\/\\\/www.garciafaura.com\\\/wp-content\\\/uploads\\\/2018\\\/10\\\/Promocio-Sant-Cugat-05.jpg&quot;,&quot;title&quot;:&quot;Fermetures pour promotion de logement \\u00e0 Sant Cugat del Vall\\u00e8s.&quot;},{&quot;src&quot;:&quot;https:\\\/\\\/www.garciafaura.com\\\/wp-content\\\/uploads\\\/2018\\\/10\\\/Promocio-Sant-Cugat-04.jpg&quot;,&quot;title&quot;:&quot;Tancaments en promoci\\u00f3 d&#039;habitatge a Sant Cugat del Vall\\u00e8s&quot;},{&quot;src&quot;:&quot;https:\\\/\\\/www.garciafaura.com\\\/wp-content\\\/uploads\\\/2018\\\/10\\\/Promocio-Sant-Cugat-03.jpg&quot;,&quot;title&quot;:&quot;Tancaments en promoci\\u00f3 d&#039;habitatge a Sant Cugat del Vall\\u00e8s&quot;},{&quot;src&quot;:&quot;https:\\\/\\\/www.garciafaura.com\\\/wp-content\\\/uploads\\\/2018\\\/10\\\/Promocio-Sant-Cugat-02.jpg&quot;,&quot;title&quot;:&quot;Tancaments en promoci\\u00f3 d&#039;habitatge a Sant Cugat del Vall\\u00e8s&quot;},{&quot;src&quot;:&quot;https:\\\/\\\/www.garciafaura.com\\\/wp-content\\\/uploads\\\/2018\\\/10\\\/Promocio-Sant-Cugat-01.jpg&quot;,&quot;title&quot;:&quot;Tancaments en promoci\\u00f3 d&#039;habitatge a Sant Cugat del Vall\\u00e8s&quot;},{&quot;src&quot;:&quot;https:\\\/\\\/www.garciafaura.com\\\/wp-content\\\/uploads\\\/2018\\\/10\\\/Promocio-Sant-Cugat-07.jpg&quot;,&quot;title&quot;:&quot;Tancaments en promoci\\u00f3 d&#039;habitatge a Sant Cugat del Vall\\u00e8s&quot;},{&quot;src&quot;:&quot;https:\\\/\\\/www.garciafaura.com\\\/wp-content\\\/uploads\\\/2018\\\/10\\\/Promocio-Sant-Cugat-06.jpg&quot;,&quot;title&quot;:&quot;Tancaments en promoci\\u00f3 d&#039;habitatge a Sant Cugat del Vall\\u00e8s&quot;}]\"><img loading=\"lazy\" decoding=\"async\" width=\"1200\" height=\"628\" src=\"https:\/\/www.garciafaura.com\/wp-content\/uploads\/2018\/10\/Promocio-Sant-Cugat-05.jpg\" class=\"portfolio-entry-img skip-lazy\" alt=\"Fermetures pour promotion de logement \u00e0 Sant Cugat del Vall\u00e8s.\" data-no-lazy=\"1\" srcset=\"https:\/\/www.garciafaura.com\/wp-content\/uploads\/2018\/10\/Promocio-Sant-Cugat-05.jpg 1200w, https:\/\/www.garciafaura.com\/wp-content\/uploads\/2018\/10\/Promocio-Sant-Cugat-05-300x157.jpg 300w, https:\/\/www.garciafaura.com\/wp-content\/uploads\/2018\/10\/Promocio-Sant-Cugat-05-768x402.jpg 768w, https:\/\/www.garciafaura.com\/wp-content\/uploads\/2018\/10\/Promocio-Sant-Cugat-05-1024x536.jpg 1024w\" sizes=\"auto, (max-width: 1200px) 100vw, 1200px\" \/><\/a><\/div><div class=\"portfolio-entry-details entry-details wpex-clr\"><h2 class=\"portfolio-entry-title entry-title\"><a href=\"https:\/\/www.garciafaura.com\/fr\/portfolio-item\/promotion-sant-cugat\/\" title=\"Promotion Sant Cugat\">Promotion Sant Cugat<\/a><\/h2><div class=\"portfolio-entry-categories entry-categories wpex-clr\"><a href=\"https:\/\/www.garciafaura.com\/fr\/portfolio-category\/ensembles-residentiels\/\" class=\"term-77\">Ensembles r\u00e9sidentiels<\/a><\/div><\/div><\/div><\/div><div class=\"portfolio-entry vcex-grid-item entry-has-details span_1_of_3 col col-2 vcex-isotope-entry vcex-no-margin-entry post-20713 entry type-portfolio has-media cat-77 translation_priority-5\"><div class=\"portfolio-entry-inner entry-inner wpex-clr\"><div class=\"portfolio-entry-media entry-media wpex-clr\"><a href=\"https:\/\/www.garciafaura.com\/wp-content\/uploads\/2018\/10\/Promocio-Vico-Freixa-07.jpg\" title=\"Promotion Vico Freixa\" class=\"portfolio-entry-media-link wpex-lightbox-gallery\" data-gallery=\"[{&quot;src&quot;:&quot;https:\\\/\\\/www.garciafaura.com\\\/wp-content\\\/uploads\\\/2018\\\/10\\\/Promocio-Vico-Freixa-06.jpg&quot;,&quot;title&quot;:&quot;Tancaments i proteccions solars en promoci\\u00f3 residencial&quot;},{&quot;src&quot;:&quot;https:\\\/\\\/www.garciafaura.com\\\/wp-content\\\/uploads\\\/2018\\\/10\\\/Promocio-Vico-Freixa-05.jpg&quot;,&quot;title&quot;:&quot;Tancaments i proteccions solars en promoci\\u00f3 residencial&quot;},{&quot;src&quot;:&quot;https:\\\/\\\/www.garciafaura.com\\\/wp-content\\\/uploads\\\/2018\\\/10\\\/Promocio-Vico-Freixa-04.jpg&quot;,&quot;title&quot;:&quot;Tancaments i proteccions solars en promoci\\u00f3 residencial&quot;},{&quot;src&quot;:&quot;https:\\\/\\\/www.garciafaura.com\\\/wp-content\\\/uploads\\\/2018\\\/10\\\/Promocio-Vico-Freixa-03.jpg&quot;,&quot;title&quot;:&quot;Tancaments i proteccions solars en promoci\\u00f3 residencial&quot;},{&quot;src&quot;:&quot;https:\\\/\\\/www.garciafaura.com\\\/wp-content\\\/uploads\\\/2018\\\/10\\\/Promocio-Vico-Freixa-02.jpg&quot;,&quot;title&quot;:&quot;Tancaments i proteccions solars en promoci\\u00f3 residencial&quot;},{&quot;src&quot;:&quot;https:\\\/\\\/www.garciafaura.com\\\/wp-content\\\/uploads\\\/2018\\\/10\\\/Promocio-Vico-Freixa-01.jpg&quot;,&quot;title&quot;:&quot;Tancaments i proteccions solars en promoci\\u00f3 residencial&quot;},{&quot;src&quot;:&quot;https:\\\/\\\/www.garciafaura.com\\\/wp-content\\\/uploads\\\/2018\\\/10\\\/Promocio-Vico-Freixa-07.jpg&quot;,&quot;title&quot;:&quot;Fermetures et protections solaires pour promotion r\\u00e9sidentielle.&quot;}]\"><img loading=\"lazy\" decoding=\"async\" width=\"1200\" height=\"628\" src=\"https:\/\/www.garciafaura.com\/wp-content\/uploads\/2018\/10\/Promocio-Vico-Freixa-07.jpg\" class=\"portfolio-entry-img skip-lazy\" alt=\"Fermetures et protections solaires pour promotion r\u00e9sidentielle.\" data-no-lazy=\"1\" srcset=\"https:\/\/www.garciafaura.com\/wp-content\/uploads\/2018\/10\/Promocio-Vico-Freixa-07.jpg 1200w, https:\/\/www.garciafaura.com\/wp-content\/uploads\/2018\/10\/Promocio-Vico-Freixa-07-300x157.jpg 300w, https:\/\/www.garciafaura.com\/wp-content\/uploads\/2018\/10\/Promocio-Vico-Freixa-07-768x402.jpg 768w, https:\/\/www.garciafaura.com\/wp-content\/uploads\/2018\/10\/Promocio-Vico-Freixa-07-1024x536.jpg 1024w\" sizes=\"auto, (max-width: 1200px) 100vw, 1200px\" \/><\/a><\/div><div class=\"portfolio-entry-details entry-details wpex-clr\"><h2 class=\"portfolio-entry-title entry-title\"><a href=\"https:\/\/www.garciafaura.com\/fr\/portfolio-item\/promotion-vico-freixa\/\" title=\"Promotion Vico Freixa\">Promotion Vico Freixa<\/a><\/h2><div class=\"portfolio-entry-categories entry-categories wpex-clr\"><a href=\"https:\/\/www.garciafaura.com\/fr\/portfolio-category\/ensembles-residentiels\/\" class=\"term-77\">Ensembles r\u00e9sidentiels<\/a><\/div><\/div><\/div><\/div><div class=\"portfolio-entry vcex-grid-item entry-has-details span_1_of_3 col col-3 vcex-isotope-entry vcex-no-margin-entry post-20710 entry type-portfolio has-media cat-77 translation_priority-5\"><div class=\"portfolio-entry-inner entry-inner wpex-clr\"><div class=\"portfolio-entry-media entry-media wpex-clr\"><a href=\"https:\/\/www.garciafaura.com\/wp-content\/uploads\/2018\/10\/Promocio-Pare-Claret-05.jpg\" title=\"Promotion Pare Claret\" class=\"portfolio-entry-media-link wpex-lightbox-gallery\" data-gallery=\"[{&quot;src&quot;:&quot;https:\\\/\\\/www.garciafaura.com\\\/wp-content\\\/uploads\\\/2018\\\/10\\\/Promocio-Pare-Claret-05.jpg&quot;,&quot;title&quot;:&quot;Fermetures pour logement dans le quartier de l&#039;Eixample de Barcelone&quot;},{&quot;src&quot;:&quot;https:\\\/\\\/www.garciafaura.com\\\/wp-content\\\/uploads\\\/2018\\\/10\\\/Promocio-Pare-Claret-07.jpg&quot;,&quot;title&quot;:&quot;Tancaments per a habitatges al Barri de l&#039;Eixample de Barcelona&quot;},{&quot;src&quot;:&quot;https:\\\/\\\/www.garciafaura.com\\\/wp-content\\\/uploads\\\/2018\\\/10\\\/Promocio-Pare-Claret-06.jpg&quot;,&quot;title&quot;:&quot;Tancaments per a habitatges al Barri de l&#039;Eixample de Barcelona&quot;},{&quot;src&quot;:&quot;https:\\\/\\\/www.garciafaura.com\\\/wp-content\\\/uploads\\\/2018\\\/10\\\/Promocio-Pare-Claret-04.jpg&quot;,&quot;title&quot;:&quot;Tancaments per a habitatges al Barri de l&#039;Eixample de Barcelona&quot;},{&quot;src&quot;:&quot;https:\\\/\\\/www.garciafaura.com\\\/wp-content\\\/uploads\\\/2018\\\/10\\\/Promocio-Pare-Claret-03.jpg&quot;,&quot;title&quot;:&quot;Tancaments per a habitatges al Barri de l&#039;Eixample de Barcelona&quot;},{&quot;src&quot;:&quot;https:\\\/\\\/www.garciafaura.com\\\/wp-content\\\/uploads\\\/2018\\\/10\\\/Promocio-Pare-Claret-02.jpg&quot;,&quot;title&quot;:&quot;Tancaments per a habitatges al Barri de l&#039;Eixample de Barcelona&quot;},{&quot;src&quot;:&quot;https:\\\/\\\/www.garciafaura.com\\\/wp-content\\\/uploads\\\/2018\\\/10\\\/Promocio-Pare-Claret-01.jpg&quot;,&quot;title&quot;:&quot;Tancaments per a habitatges al Barri de l&#039;Eixample de Barcelona&quot;}]\"><img loading=\"lazy\" decoding=\"async\" width=\"1200\" height=\"628\" src=\"https:\/\/www.garciafaura.com\/wp-content\/uploads\/2018\/10\/Promocio-Pare-Claret-05.jpg\" class=\"portfolio-entry-img skip-lazy\" alt=\"Fermetures pour logement dans le quartier de l&#039;Eixample de Barcelone\" data-no-lazy=\"1\" srcset=\"https:\/\/www.garciafaura.com\/wp-content\/uploads\/2018\/10\/Promocio-Pare-Claret-05.jpg 1200w, https:\/\/www.garciafaura.com\/wp-content\/uploads\/2018\/10\/Promocio-Pare-Claret-05-300x157.jpg 300w, https:\/\/www.garciafaura.com\/wp-content\/uploads\/2018\/10\/Promocio-Pare-Claret-05-768x402.jpg 768w, https:\/\/www.garciafaura.com\/wp-content\/uploads\/2018\/10\/Promocio-Pare-Claret-05-1024x536.jpg 1024w\" sizes=\"auto, (max-width: 1200px) 100vw, 1200px\" \/><\/a><\/div><div class=\"portfolio-entry-details entry-details wpex-clr\"><h2 class=\"portfolio-entry-title entry-title\"><a href=\"https:\/\/www.garciafaura.com\/fr\/portfolio-item\/promotion-pare-claret\/\" title=\"Promotion Pare Claret\">Promotion Pare Claret<\/a><\/h2><div class=\"portfolio-entry-categories entry-categories wpex-clr\"><a href=\"https:\/\/www.garciafaura.com\/fr\/portfolio-category\/ensembles-residentiels\/\" class=\"term-77\">Ensembles r\u00e9sidentiels<\/a><\/div><\/div><\/div><\/div><div class=\"portfolio-entry vcex-grid-item entry-has-details span_1_of_3 col col-1 vcex-isotope-entry vcex-no-margin-entry post-20711 entry type-portfolio has-media cat-77 translation_priority-5\"><div class=\"portfolio-entry-inner entry-inner wpex-clr\"><div class=\"portfolio-entry-media entry-media wpex-clr\"><a href=\"https:\/\/www.garciafaura.com\/wp-content\/uploads\/2018\/10\/Promocio-Doctor-Iban\u0303ez-01.jpg\" title=\"Promotion Doctor Ib\u00e1\u00f1ez\" class=\"portfolio-entry-media-link wpex-lightbox-gallery\" data-gallery=\"[{&quot;src&quot;:&quot;https:\\\/\\\/www.garciafaura.com\\\/wp-content\\\/uploads\\\/2018\\\/10\\\/Promocio-Doctor-Iban\\u0303ez-01.jpg&quot;,&quot;title&quot;:&quot;Fermetures pour promotion r\\u00e9sidentielle \\u00e0 Barcelone&quot;},{&quot;src&quot;:&quot;https:\\\/\\\/www.garciafaura.com\\\/wp-content\\\/uploads\\\/2018\\\/10\\\/Promocio-Doctor-Iban\\u0303ez-07.jpg&quot;,&quot;title&quot;:&quot;Tancaments en promoci\\u00f3 residencial a Barcelona&quot;},{&quot;src&quot;:&quot;https:\\\/\\\/www.garciafaura.com\\\/wp-content\\\/uploads\\\/2018\\\/10\\\/Promocio-Doctor-Iban\\u0303ez-06.jpg&quot;,&quot;title&quot;:&quot;Tancaments en promoci\\u00f3 residencial a Barcelona&quot;},{&quot;src&quot;:&quot;https:\\\/\\\/www.garciafaura.com\\\/wp-content\\\/uploads\\\/2018\\\/10\\\/Promocio-Doctor-Iban\\u0303ez-05.jpg&quot;,&quot;title&quot;:&quot;Tancaments en promoci\\u00f3 residencial a Barcelona&quot;},{&quot;src&quot;:&quot;https:\\\/\\\/www.garciafaura.com\\\/wp-content\\\/uploads\\\/2018\\\/10\\\/Promocio-Doctor-Iban\\u0303ez-04.jpg&quot;,&quot;title&quot;:&quot;Tancaments en promoci\\u00f3 residencial a Barcelona&quot;},{&quot;src&quot;:&quot;https:\\\/\\\/www.garciafaura.com\\\/wp-content\\\/uploads\\\/2018\\\/10\\\/Promocio-Doctor-Iban\\u0303ez-03.jpg&quot;,&quot;title&quot;:&quot;Tancaments en promoci\\u00f3 residencial a Barcelona&quot;},{&quot;src&quot;:&quot;https:\\\/\\\/www.garciafaura.com\\\/wp-content\\\/uploads\\\/2018\\\/10\\\/Promocio-Doctor-Iban\\u0303ez-02.jpg&quot;,&quot;title&quot;:&quot;Tancaments en promoci\\u00f3 residencial a Barcelona&quot;}]\"><img loading=\"lazy\" decoding=\"async\" width=\"1200\" height=\"628\" src=\"https:\/\/www.garciafaura.com\/wp-content\/uploads\/2018\/10\/Promocio-Doctor-Iban\u0303ez-01.jpg\" class=\"portfolio-entry-img skip-lazy\" alt=\"Fermetures pour promotion r\u00e9sidentielle \u00e0 Barcelone\" data-no-lazy=\"1\" srcset=\"https:\/\/www.garciafaura.com\/wp-content\/uploads\/2018\/10\/Promocio-Doctor-Iban\u0303ez-01.jpg 1200w, https:\/\/www.garciafaura.com\/wp-content\/uploads\/2018\/10\/Promocio-Doctor-Iban\u0303ez-01-300x157.jpg 300w, https:\/\/www.garciafaura.com\/wp-content\/uploads\/2018\/10\/Promocio-Doctor-Iban\u0303ez-01-768x402.jpg 768w, https:\/\/www.garciafaura.com\/wp-content\/uploads\/2018\/10\/Promocio-Doctor-Iban\u0303ez-01-1024x536.jpg 1024w\" sizes=\"auto, (max-width: 1200px) 100vw, 1200px\" \/><\/a><\/div><div class=\"portfolio-entry-details entry-details wpex-clr\"><h2 class=\"portfolio-entry-title entry-title\"><a href=\"https:\/\/www.garciafaura.com\/fr\/portfolio-item\/promotion-doctor-ibanez\/\" title=\"Promotion Doctor Ib\u00e1\u00f1ez\">Promotion Doctor Ib\u00e1\u00f1ez<\/a><\/h2><div class=\"portfolio-entry-categories entry-categories wpex-clr\"><a href=\"https:\/\/www.garciafaura.com\/fr\/portfolio-category\/ensembles-residentiels\/\" class=\"term-77\">Ensembles r\u00e9sidentiels<\/a><\/div><\/div><\/div><\/div><div class=\"portfolio-entry vcex-grid-item entry-has-details span_1_of_3 col col-2 vcex-isotope-entry vcex-no-margin-entry post-20709 entry type-portfolio has-media cat-77 translation_priority-5\"><div class=\"portfolio-entry-inner entry-inner wpex-clr\"><div class=\"portfolio-entry-media entry-media wpex-clr\"><a href=\"https:\/\/www.garciafaura.com\/wp-content\/uploads\/2018\/10\/Promocio-La-Remunta-05.jpg\" title=\"Promotion La Remunta\" class=\"portfolio-entry-media-link wpex-lightbox-gallery\" data-gallery=\"[{&quot;src&quot;:&quot;https:\\\/\\\/www.garciafaura.com\\\/wp-content\\\/uploads\\\/2018\\\/10\\\/Promocio-La-Remunta-01.jpg&quot;,&quot;title&quot;:&quot;Rehabilitaci\\u00f3 de fa\\u00e7ana per augmentar l&#039;efici\\u00e8ncia energ\\u00e8tica de l&#039;edifici&quot;},{&quot;src&quot;:&quot;https:\\\/\\\/www.garciafaura.com\\\/wp-content\\\/uploads\\\/2018\\\/10\\\/Promocio-La-Remunta-07.jpg&quot;,&quot;title&quot;:&quot;Rehabilitaci\\u00f3 de fa\\u00e7ana per augmentar l&#039;efici\\u00e8ncia energ\\u00e8tica de l&#039;edifici&quot;},{&quot;src&quot;:&quot;https:\\\/\\\/www.garciafaura.com\\\/wp-content\\\/uploads\\\/2018\\\/10\\\/Promocio-La-Remunta-06.jpg&quot;,&quot;title&quot;:&quot;Rehabilitaci\\u00f3 de fa\\u00e7ana per augmentar l&#039;efici\\u00e8ncia energ\\u00e8tica de l&#039;edifici&quot;},{&quot;src&quot;:&quot;https:\\\/\\\/www.garciafaura.com\\\/wp-content\\\/uploads\\\/2018\\\/10\\\/Promocio-La-Remunta-05.jpg&quot;,&quot;title&quot;:&quot;Remise en \\u00e9tat de la fa\\u00e7ade pour am\\u00e9liorer l&#039;efficacit\\u00e9 \\u00e9nerg\\u00e9tique du b\\u00e2timent&quot;},{&quot;src&quot;:&quot;https:\\\/\\\/www.garciafaura.com\\\/wp-content\\\/uploads\\\/2018\\\/10\\\/Promocio-La-Remunta-04.jpg&quot;,&quot;title&quot;:&quot;Rehabilitaci\\u00f3 de fa\\u00e7ana per augmentar l&#039;efici\\u00e8ncia energ\\u00e8tica de l&#039;edifici&quot;},{&quot;src&quot;:&quot;https:\\\/\\\/www.garciafaura.com\\\/wp-content\\\/uploads\\\/2018\\\/10\\\/Promocio-La-Remunta-03.jpg&quot;,&quot;title&quot;:&quot;Rehabilitaci\\u00f3 de fa\\u00e7ana per augmentar l&#039;efici\\u00e8ncia energ\\u00e8tica de l&#039;edifici&quot;},{&quot;src&quot;:&quot;https:\\\/\\\/www.garciafaura.com\\\/wp-content\\\/uploads\\\/2018\\\/10\\\/Promocio-La-Remunta-02.jpg&quot;,&quot;title&quot;:&quot;Rehabilitaci\\u00f3 de fa\\u00e7ana per augmentar l&#039;efici\\u00e8ncia energ\\u00e8tica de l&#039;edifici&quot;}]\"><img loading=\"lazy\" decoding=\"async\" width=\"1200\" height=\"628\" src=\"https:\/\/www.garciafaura.com\/wp-content\/uploads\/2018\/10\/Promocio-La-Remunta-05.jpg\" class=\"portfolio-entry-img skip-lazy\" alt=\"Remise en \u00e9tat de la fa\u00e7ade pour am\u00e9liorer l&#039;efficacit\u00e9 \u00e9nerg\u00e9tique du b\u00e2timent\" data-no-lazy=\"1\" srcset=\"https:\/\/www.garciafaura.com\/wp-content\/uploads\/2018\/10\/Promocio-La-Remunta-05.jpg 1200w, https:\/\/www.garciafaura.com\/wp-content\/uploads\/2018\/10\/Promocio-La-Remunta-05-300x157.jpg 300w, https:\/\/www.garciafaura.com\/wp-content\/uploads\/2018\/10\/Promocio-La-Remunta-05-768x402.jpg 768w, https:\/\/www.garciafaura.com\/wp-content\/uploads\/2018\/10\/Promocio-La-Remunta-05-1024x536.jpg 1024w\" sizes=\"auto, (max-width: 1200px) 100vw, 1200px\" \/><\/a><\/div><div class=\"portfolio-entry-details entry-details wpex-clr\"><h2 class=\"portfolio-entry-title entry-title\"><a href=\"https:\/\/www.garciafaura.com\/fr\/portfolio-item\/promotion-la-remunta\/\" title=\"Promotion La Remunta\">Promotion La Remunta<\/a><\/h2><div class=\"portfolio-entry-categories entry-categories wpex-clr\"><a href=\"https:\/\/www.garciafaura.com\/fr\/portfolio-category\/ensembles-residentiels\/\" class=\"term-77\">Ensembles r\u00e9sidentiels<\/a><\/div><\/div><\/div><\/div><div class=\"portfolio-entry vcex-grid-item entry-has-details span_1_of_3 col col-3 vcex-isotope-entry vcex-no-margin-entry post-20706 entry type-portfolio has-media cat-77 translation_priority-5\"><div class=\"portfolio-entry-inner entry-inner wpex-clr\"><div class=\"portfolio-entry-media entry-media wpex-clr\"><a href=\"https:\/\/www.garciafaura.com\/wp-content\/uploads\/2018\/10\/Promocio-Esplugues-Llobregat-05.jpg\" title=\"Promotion Esplugues de Llobregat\" class=\"portfolio-entry-media-link wpex-lightbox-gallery\" data-gallery=\"[{&quot;src&quot;:&quot;https:\\\/\\\/www.garciafaura.com\\\/wp-content\\\/uploads\\\/2018\\\/10\\\/Promocio-Esplugues-Llobregat-05.jpg&quot;,&quot;title&quot;:&quot;Fermetures en aluminium et verre pour promotion de logements&quot;},{&quot;src&quot;:&quot;https:\\\/\\\/www.garciafaura.com\\\/wp-content\\\/uploads\\\/2018\\\/10\\\/Promocio-Esplugues-Llobregat-07.jpg&quot;,&quot;title&quot;:&quot;Tancaments d&#039;alumini i vidrieria en promoci\\u00f3 d&#039;habitatges&quot;},{&quot;src&quot;:&quot;https:\\\/\\\/www.garciafaura.com\\\/wp-content\\\/uploads\\\/2018\\\/10\\\/Promocio-Esplugues-Llobregat-06.jpg&quot;,&quot;title&quot;:&quot;Tancaments d&#039;alumini i vidrieria en promoci\\u00f3 d&#039;habitatges&quot;},{&quot;src&quot;:&quot;https:\\\/\\\/www.garciafaura.com\\\/wp-content\\\/uploads\\\/2018\\\/10\\\/Promocio-Esplugues-Llobregat-01.jpg&quot;,&quot;title&quot;:&quot;Tancaments d&#039;alumini i vidrieria en promoci\\u00f3 d&#039;habitatges&quot;},{&quot;src&quot;:&quot;https:\\\/\\\/www.garciafaura.com\\\/wp-content\\\/uploads\\\/2018\\\/10\\\/Promocio-Esplugues-Llobregat-02.jpg&quot;,&quot;title&quot;:&quot;Tancaments d&#039;alumini i vidrieria en promoci\\u00f3 d&#039;habitatges&quot;},{&quot;src&quot;:&quot;https:\\\/\\\/www.garciafaura.com\\\/wp-content\\\/uploads\\\/2018\\\/10\\\/Promocio-Esplugues-Llobregat-03.jpg&quot;,&quot;title&quot;:&quot;Tancaments d&#039;alumini i vidrieria en promoci\\u00f3 d&#039;habitatges&quot;},{&quot;src&quot;:&quot;https:\\\/\\\/www.garciafaura.com\\\/wp-content\\\/uploads\\\/2018\\\/10\\\/Promocio-Esplugues-Llobregat-04.jpg&quot;,&quot;title&quot;:&quot;Tancaments d&#039;alumini i vidrieria en promoci\\u00f3 d&#039;habitatges&quot;}]\"><img loading=\"lazy\" decoding=\"async\" width=\"1200\" height=\"628\" src=\"https:\/\/www.garciafaura.com\/wp-content\/uploads\/2018\/10\/Promocio-Esplugues-Llobregat-05.jpg\" class=\"portfolio-entry-img skip-lazy\" alt=\"Fermetures en aluminium et verre pour promotion de logements\" data-no-lazy=\"1\" srcset=\"https:\/\/www.garciafaura.com\/wp-content\/uploads\/2018\/10\/Promocio-Esplugues-Llobregat-05.jpg 1200w, https:\/\/www.garciafaura.com\/wp-content\/uploads\/2018\/10\/Promocio-Esplugues-Llobregat-05-300x157.jpg 300w, https:\/\/www.garciafaura.com\/wp-content\/uploads\/2018\/10\/Promocio-Esplugues-Llobregat-05-768x402.jpg 768w, https:\/\/www.garciafaura.com\/wp-content\/uploads\/2018\/10\/Promocio-Esplugues-Llobregat-05-1024x536.jpg 1024w\" sizes=\"auto, (max-width: 1200px) 100vw, 1200px\" \/><\/a><\/div><div class=\"portfolio-entry-details entry-details wpex-clr\"><h2 class=\"portfolio-entry-title entry-title\"><a href=\"https:\/\/www.garciafaura.com\/fr\/portfolio-item\/promotion-esplugues-de-llobregat\/\" title=\"Promotion Esplugues de Llobregat\">Promotion Esplugues de Llobregat<\/a><\/h2><div class=\"portfolio-entry-categories entry-categories wpex-clr\"><a href=\"https:\/\/www.garciafaura.com\/fr\/portfolio-category\/ensembles-residentiels\/\" class=\"term-77\">Ensembles r\u00e9sidentiels<\/a><\/div><\/div><\/div><\/div><div class=\"portfolio-entry vcex-grid-item entry-has-details span_1_of_3 col col-1 vcex-isotope-entry vcex-no-margin-entry post-20698 entry type-portfolio has-media cat-77 cat-91 translation_priority-5\"><div class=\"portfolio-entry-inner entry-inner wpex-clr\"><div class=\"portfolio-entry-media entry-media wpex-clr\"><a href=\"https:\/\/www.garciafaura.com\/wp-content\/uploads\/2018\/10\/Promocio-Torre-Diagonal-01.jpg\" title=\"Promotion Torre Diagonal\" class=\"portfolio-entry-media-link wpex-lightbox-gallery\" data-gallery=\"[{&quot;src&quot;:&quot;https:\\\/\\\/www.garciafaura.com\\\/wp-content\\\/uploads\\\/2018\\\/10\\\/Promocio-Torre-Diagonal-01.jpg&quot;,&quot;title&quot;:&quot;Fermetures pour 125 logements dans tour de 26 \\u00e9tages \\u00e0 Barcelone&quot;},{&quot;src&quot;:&quot;https:\\\/\\\/www.garciafaura.com\\\/wp-content\\\/uploads\\\/2018\\\/10\\\/Promocio-Torre-Diagonal-07.jpg&quot;,&quot;title&quot;:&quot;Tancaments per a 125 habitatges en torre de 26 plantes a Barcelona&quot;},{&quot;src&quot;:&quot;https:\\\/\\\/www.garciafaura.com\\\/wp-content\\\/uploads\\\/2018\\\/10\\\/Promocio-Torre-Diagonal-06.jpg&quot;,&quot;title&quot;:&quot;Tancaments per a 125 habitatges en torre de 26 plantes a Barcelona&quot;},{&quot;src&quot;:&quot;https:\\\/\\\/www.garciafaura.com\\\/wp-content\\\/uploads\\\/2018\\\/10\\\/Promocio-Torre-Diagonal-05.jpg&quot;,&quot;title&quot;:&quot;Tancaments per a 125 habitatges en torre de 26 plantes a Barcelona&quot;},{&quot;src&quot;:&quot;https:\\\/\\\/www.garciafaura.com\\\/wp-content\\\/uploads\\\/2018\\\/10\\\/Promocio-Torre-Diagonal-04.jpg&quot;,&quot;title&quot;:&quot;Tancaments per a 125 habitatges en torre de 26 plantes a Barcelona&quot;},{&quot;src&quot;:&quot;https:\\\/\\\/www.garciafaura.com\\\/wp-content\\\/uploads\\\/2018\\\/10\\\/Promocio-Torre-Diagonal-03.jpg&quot;,&quot;title&quot;:&quot;Tancaments per a 125 habitatges en torre de 26 plantes a Barcelona&quot;},{&quot;src&quot;:&quot;https:\\\/\\\/www.garciafaura.com\\\/wp-content\\\/uploads\\\/2018\\\/10\\\/Promocio-Torre-Diagonal-02.jpg&quot;,&quot;title&quot;:&quot;Tancaments per a 125 habitatges en torre de 26 plantes a Barcelona&quot;},{&quot;src&quot;:&quot;https:\\\/\\\/www.garciafaura.com\\\/wp-content\\\/uploads\\\/2018\\\/10\\\/Promocio-Torre-Diagonal-09.jpg&quot;,&quot;title&quot;:&quot;Tancaments per a 125 habitatges en torre de 26 plantes a Barcelona&quot;},{&quot;src&quot;:&quot;https:\\\/\\\/www.garciafaura.com\\\/wp-content\\\/uploads\\\/2018\\\/10\\\/Promocio-Torre-Diagonal-08.jpg&quot;,&quot;title&quot;:&quot;Tancaments per a 125 habitatges en torre de 26 plantes a Barcelona&quot;}]\"><img loading=\"lazy\" decoding=\"async\" width=\"1200\" height=\"628\" src=\"https:\/\/www.garciafaura.com\/wp-content\/uploads\/2018\/10\/Promocio-Torre-Diagonal-01.jpg\" class=\"portfolio-entry-img skip-lazy\" alt=\"Fermetures pour 125 logements dans tour de 26 \u00e9tages \u00e0 Barcelone\" data-no-lazy=\"1\" srcset=\"https:\/\/www.garciafaura.com\/wp-content\/uploads\/2018\/10\/Promocio-Torre-Diagonal-01.jpg 1200w, https:\/\/www.garciafaura.com\/wp-content\/uploads\/2018\/10\/Promocio-Torre-Diagonal-01-300x157.jpg 300w, https:\/\/www.garciafaura.com\/wp-content\/uploads\/2018\/10\/Promocio-Torre-Diagonal-01-768x402.jpg 768w, https:\/\/www.garciafaura.com\/wp-content\/uploads\/2018\/10\/Promocio-Torre-Diagonal-01-1024x536.jpg 1024w\" sizes=\"auto, (max-width: 1200px) 100vw, 1200px\" \/><\/a><\/div><div class=\"portfolio-entry-details entry-details wpex-clr\"><h2 class=\"portfolio-entry-title entry-title\"><a href=\"https:\/\/www.garciafaura.com\/fr\/portfolio-item\/promotion-torre-diagonal\/\" title=\"Promotion Torre Diagonal\">Promotion Torre Diagonal<\/a><\/h2><div class=\"portfolio-entry-categories entry-categories wpex-clr\"><a href=\"https:\/\/www.garciafaura.com\/fr\/portfolio-category\/ensembles-residentiels\/\" class=\"term-77\">Ensembles r\u00e9sidentiels<\/a><\/div><\/div><\/div><\/div><div class=\"portfolio-entry vcex-grid-item entry-has-details span_1_of_3 col col-2 vcex-isotope-entry vcex-no-margin-entry post-20697 entry type-portfolio has-media cat-77 translation_priority-5\"><div class=\"portfolio-entry-inner entry-inner wpex-clr\"><div class=\"portfolio-entry-media entry-media wpex-clr\"><a href=\"https:\/\/www.garciafaura.com\/wp-content\/uploads\/2018\/10\/Promocio-Viladomat-3.jpg\" title=\"Promotion Viladomat\" class=\"portfolio-entry-media-link wpex-lightbox-gallery\" data-gallery=\"[{&quot;src&quot;:&quot;https:\\\/\\\/www.garciafaura.com\\\/wp-content\\\/uploads\\\/2018\\\/10\\\/Promocio-Viladomat-3.jpg&quot;,&quot;title&quot;:&quot;Fermetures, stores et placages pour promotion r\\u00e9sidentielle \\u00e0 Barcelone&quot;},{&quot;src&quot;:&quot;https:\\\/\\\/www.garciafaura.com\\\/wp-content\\\/uploads\\\/2018\\\/10\\\/Promocio-Viladomat-6.jpg&quot;,&quot;title&quot;:&quot;Tancaments, persianes i xapats en promoci\\u00f3 residencial a Barcelona&quot;},{&quot;src&quot;:&quot;https:\\\/\\\/www.garciafaura.com\\\/wp-content\\\/uploads\\\/2018\\\/10\\\/Promocio-Viladomat-5.jpg&quot;,&quot;title&quot;:&quot;Tancaments, persianes i xapats en promoci\\u00f3 residencial a Barcelona&quot;},{&quot;src&quot;:&quot;https:\\\/\\\/www.garciafaura.com\\\/wp-content\\\/uploads\\\/2018\\\/10\\\/Promocio-Viladomat-4.jpg&quot;,&quot;title&quot;:&quot;Tancaments, persianes i xapats en promoci\\u00f3 residencial a Barcelona&quot;},{&quot;src&quot;:&quot;https:\\\/\\\/www.garciafaura.com\\\/wp-content\\\/uploads\\\/2018\\\/10\\\/Promocio-Viladomat-2.jpg&quot;,&quot;title&quot;:&quot;Tancaments, persianes i xapats en promoci\\u00f3 residencial a Barcelona&quot;},{&quot;src&quot;:&quot;https:\\\/\\\/www.garciafaura.com\\\/wp-content\\\/uploads\\\/2018\\\/10\\\/Promocio-Viladomat-1.jpg&quot;,&quot;title&quot;:&quot;Tancaments, persianes i xapats en promoci\\u00f3 residencial a Barcelona&quot;}]\"><img loading=\"lazy\" decoding=\"async\" width=\"1200\" height=\"628\" src=\"https:\/\/www.garciafaura.com\/wp-content\/uploads\/2018\/10\/Promocio-Viladomat-3.jpg\" class=\"portfolio-entry-img skip-lazy\" alt=\"Fermetures, stores et placages pour promotion r\u00e9sidentielle \u00e0 Barcelone\" data-no-lazy=\"1\" srcset=\"https:\/\/www.garciafaura.com\/wp-content\/uploads\/2018\/10\/Promocio-Viladomat-3.jpg 1200w, https:\/\/www.garciafaura.com\/wp-content\/uploads\/2018\/10\/Promocio-Viladomat-3-300x157.jpg 300w, https:\/\/www.garciafaura.com\/wp-content\/uploads\/2018\/10\/Promocio-Viladomat-3-768x402.jpg 768w, https:\/\/www.garciafaura.com\/wp-content\/uploads\/2018\/10\/Promocio-Viladomat-3-1024x536.jpg 1024w\" sizes=\"auto, (max-width: 1200px) 100vw, 1200px\" \/><\/a><\/div><div class=\"portfolio-entry-details entry-details wpex-clr\"><h2 class=\"portfolio-entry-title entry-title\"><a href=\"https:\/\/www.garciafaura.com\/fr\/portfolio-item\/promotion-viladomat\/\" title=\"Promotion Viladomat\">Promotion Viladomat<\/a><\/h2><div class=\"portfolio-entry-categories entry-categories wpex-clr\"><a href=\"https:\/\/www.garciafaura.com\/fr\/portfolio-category\/ensembles-residentiels\/\" class=\"term-77\">Ensembles r\u00e9sidentiels<\/a><\/div><\/div><\/div><\/div><div class=\"portfolio-entry vcex-grid-item entry-has-details span_1_of_3 col col-3 vcex-isotope-entry vcex-no-margin-entry post-20689 entry type-portfolio has-media cat-77 translation_priority-5\"><div class=\"portfolio-entry-inner entry-inner wpex-clr\"><div class=\"portfolio-entry-media entry-media wpex-clr\"><a href=\"https:\/\/www.garciafaura.com\/wp-content\/uploads\/2018\/10\/Promocio-Cal-Ciso-07.jpg\" title=\"Promotion Cal Cis\u00f3\" class=\"portfolio-entry-media-link wpex-lightbox-gallery\" data-gallery=\"[{&quot;src&quot;:&quot;https:\\\/\\\/www.garciafaura.com\\\/wp-content\\\/uploads\\\/2018\\\/10\\\/Promocio-Cal-Ciso-01.jpg&quot;,&quot;title&quot;:&quot;Tancaments i proteccions solars per habitatge protegit&quot;},{&quot;src&quot;:&quot;https:\\\/\\\/www.garciafaura.com\\\/wp-content\\\/uploads\\\/2018\\\/10\\\/Promocio-Cal-Ciso-08.jpg&quot;,&quot;title&quot;:&quot;Tancaments i proteccions solars per habitatge protegit&quot;},{&quot;src&quot;:&quot;https:\\\/\\\/www.garciafaura.com\\\/wp-content\\\/uploads\\\/2018\\\/10\\\/Promocio-Cal-Ciso-07.jpg&quot;,&quot;title&quot;:&quot;Fermeture et protections solaires pour logement social&quot;},{&quot;src&quot;:&quot;https:\\\/\\\/www.garciafaura.com\\\/wp-content\\\/uploads\\\/2018\\\/10\\\/Promocio-Cal-Ciso-06.jpg&quot;,&quot;title&quot;:&quot;Tancaments i proteccions solars per habitatge protegit&quot;},{&quot;src&quot;:&quot;https:\\\/\\\/www.garciafaura.com\\\/wp-content\\\/uploads\\\/2018\\\/10\\\/Promocio-Cal-Ciso-05.jpg&quot;,&quot;title&quot;:&quot;Tancaments i proteccions solars per habitatge protegit&quot;},{&quot;src&quot;:&quot;https:\\\/\\\/www.garciafaura.com\\\/wp-content\\\/uploads\\\/2018\\\/10\\\/Promocio-Cal-Ciso-04.jpg&quot;,&quot;title&quot;:&quot;Tancaments i proteccions solars per habitatge protegit&quot;},{&quot;src&quot;:&quot;https:\\\/\\\/www.garciafaura.com\\\/wp-content\\\/uploads\\\/2018\\\/10\\\/Promocio-Cal-Ciso-03.jpg&quot;,&quot;title&quot;:&quot;Tancaments i proteccions solars per habitatge protegit&quot;},{&quot;src&quot;:&quot;https:\\\/\\\/www.garciafaura.com\\\/wp-content\\\/uploads\\\/2018\\\/10\\\/Promocio-Cal-Ciso-02.jpg&quot;,&quot;title&quot;:&quot;Tancaments i proteccions solars per habitatge protegit&quot;}]\"><img loading=\"lazy\" decoding=\"async\" width=\"1200\" height=\"628\" src=\"https:\/\/www.garciafaura.com\/wp-content\/uploads\/2018\/10\/Promocio-Cal-Ciso-07.jpg\" class=\"portfolio-entry-img skip-lazy\" alt=\"Fermeture et protections solaires pour logement social\" data-no-lazy=\"1\" srcset=\"https:\/\/www.garciafaura.com\/wp-content\/uploads\/2018\/10\/Promocio-Cal-Ciso-07.jpg 1200w, https:\/\/www.garciafaura.com\/wp-content\/uploads\/2018\/10\/Promocio-Cal-Ciso-07-300x157.jpg 300w, https:\/\/www.garciafaura.com\/wp-content\/uploads\/2018\/10\/Promocio-Cal-Ciso-07-768x402.jpg 768w, https:\/\/www.garciafaura.com\/wp-content\/uploads\/2018\/10\/Promocio-Cal-Ciso-07-1024x536.jpg 1024w\" sizes=\"auto, (max-width: 1200px) 100vw, 1200px\" \/><\/a><\/div><div class=\"portfolio-entry-details entry-details wpex-clr\"><h2 class=\"portfolio-entry-title entry-title\"><a href=\"https:\/\/www.garciafaura.com\/fr\/portfolio-item\/promotion-cal-ciso\/\" title=\"Promotion Cal Cis\u00f3\">Promotion Cal Cis\u00f3<\/a><\/h2><div class=\"portfolio-entry-categories entry-categories wpex-clr\"><a href=\"https:\/\/www.garciafaura.com\/fr\/portfolio-category\/ensembles-residentiels\/\" class=\"term-77\">Ensembles r\u00e9sidentiels<\/a><\/div><\/div><\/div><\/div><div class=\"portfolio-entry vcex-grid-item entry-has-details span_1_of_3 col col-1 vcex-isotope-entry vcex-no-margin-entry post-20690 entry type-portfolio has-media cat-77 translation_priority-5\"><div class=\"portfolio-entry-inner entry-inner wpex-clr\"><div class=\"portfolio-entry-media entry-media wpex-clr\"><a href=\"https:\/\/www.garciafaura.com\/wp-content\/uploads\/2018\/10\/Promocio-Tower-La-Remunta-05.jpg\" title=\"Promotion Tower La Remunta\" class=\"portfolio-entry-media-link wpex-lightbox-gallery\" data-gallery=\"[{&quot;src&quot;:&quot;https:\\\/\\\/www.garciafaura.com\\\/wp-content\\\/uploads\\\/2018\\\/10\\\/Promocio-Tower-La-Remunta-01.jpg&quot;,&quot;title&quot;:&quot;Tancaments en promoci\\u00f3 residencial a l&#039;Hospitalet&quot;},{&quot;src&quot;:&quot;https:\\\/\\\/www.garciafaura.com\\\/wp-content\\\/uploads\\\/2018\\\/10\\\/Promocio-Tower-La-Remunta-08.jpg&quot;,&quot;title&quot;:&quot;Tancaments en promoci\\u00f3 residencial a l&#039;Hospitalet&quot;},{&quot;src&quot;:&quot;https:\\\/\\\/www.garciafaura.com\\\/wp-content\\\/uploads\\\/2018\\\/10\\\/Promocio-Tower-La-Remunta-07.jpg&quot;,&quot;title&quot;:&quot;Tancaments en promoci\\u00f3 residencial a l&#039;Hospitalet&quot;},{&quot;src&quot;:&quot;https:\\\/\\\/www.garciafaura.com\\\/wp-content\\\/uploads\\\/2018\\\/10\\\/Promocio-Tower-La-Remunta-06.jpg&quot;,&quot;title&quot;:&quot;Tancaments en promoci\\u00f3 residencial a l&#039;Hospitalet&quot;},{&quot;src&quot;:&quot;https:\\\/\\\/www.garciafaura.com\\\/wp-content\\\/uploads\\\/2018\\\/10\\\/Promocio-Tower-La-Remunta-05.jpg&quot;,&quot;title&quot;:&quot;Fermetures pour promotion r\\u00e9sidentielle \\u00e0 L&#039;Hospitalet de Llobregat&quot;},{&quot;src&quot;:&quot;https:\\\/\\\/www.garciafaura.com\\\/wp-content\\\/uploads\\\/2018\\\/10\\\/Promocio-Tower-La-Remunta-04.jpg&quot;,&quot;title&quot;:&quot;Tancaments en promoci\\u00f3 residencial a l&#039;Hospitalet&quot;},{&quot;src&quot;:&quot;https:\\\/\\\/www.garciafaura.com\\\/wp-content\\\/uploads\\\/2018\\\/10\\\/Promocio-Tower-La-Remunta-03.jpg&quot;,&quot;title&quot;:&quot;Tancaments en promoci\\u00f3 residencial a l&#039;Hospitalet&quot;},{&quot;src&quot;:&quot;https:\\\/\\\/www.garciafaura.com\\\/wp-content\\\/uploads\\\/2018\\\/10\\\/Promocio-Tower-La-Remunta-02.jpg&quot;,&quot;title&quot;:&quot;Tancaments en promoci\\u00f3 residencial a l&#039;Hospitalet&quot;}]\"><img loading=\"lazy\" decoding=\"async\" width=\"1200\" height=\"628\" src=\"https:\/\/www.garciafaura.com\/wp-content\/uploads\/2018\/10\/Promocio-Tower-La-Remunta-05.jpg\" class=\"portfolio-entry-img skip-lazy\" alt=\"Fermetures pour promotion r\u00e9sidentielle \u00e0 L&#039;Hospitalet de Llobregat\" data-no-lazy=\"1\" srcset=\"https:\/\/www.garciafaura.com\/wp-content\/uploads\/2018\/10\/Promocio-Tower-La-Remunta-05.jpg 1200w, https:\/\/www.garciafaura.com\/wp-content\/uploads\/2018\/10\/Promocio-Tower-La-Remunta-05-300x157.jpg 300w, https:\/\/www.garciafaura.com\/wp-content\/uploads\/2018\/10\/Promocio-Tower-La-Remunta-05-768x402.jpg 768w, https:\/\/www.garciafaura.com\/wp-content\/uploads\/2018\/10\/Promocio-Tower-La-Remunta-05-1024x536.jpg 1024w\" sizes=\"auto, (max-width: 1200px) 100vw, 1200px\" \/><\/a><\/div><div class=\"portfolio-entry-details entry-details wpex-clr\"><h2 class=\"portfolio-entry-title entry-title\"><a href=\"https:\/\/www.garciafaura.com\/fr\/portfolio-item\/promotion-tower-la-remunta\/\" title=\"Promotion Tower La Remunta\">Promotion Tower La Remunta<\/a><\/h2><div class=\"portfolio-entry-categories entry-categories wpex-clr\"><a href=\"https:\/\/www.garciafaura.com\/fr\/portfolio-category\/ensembles-residentiels\/\" class=\"term-77\">Ensembles r\u00e9sidentiels<\/a><\/div><\/div><\/div><\/div><div class=\"portfolio-entry vcex-grid-item entry-has-details span_1_of_3 col col-2 vcex-isotope-entry vcex-no-margin-entry post-20686 entry type-portfolio has-media cat-77 translation_priority-5\"><div class=\"portfolio-entry-inner entry-inner wpex-clr\"><div class=\"portfolio-entry-media entry-media wpex-clr\"><a href=\"https:\/\/www.garciafaura.com\/wp-content\/uploads\/2018\/10\/Promicio-Ponent-Badalona-01.jpg\" title=\"Promotion Ponent Badalona\" class=\"portfolio-entry-media-link wpex-lightbox-gallery\" data-gallery=\"[{&quot;src&quot;:&quot;https:\\\/\\\/www.garciafaura.com\\\/wp-content\\\/uploads\\\/2018\\\/10\\\/Promicio-Ponent-Badalona-01.jpg&quot;,&quot;title&quot;:&quot;Fermetures en aluminium et verre pour promotion de logements&quot;},{&quot;src&quot;:&quot;https:\\\/\\\/www.garciafaura.com\\\/wp-content\\\/uploads\\\/2018\\\/10\\\/Promicio-Ponent-Badalona-09.jpg&quot;,&quot;title&quot;:&quot;Tancaments d&#039;alumini i vidrieria en promoci\\u00f3 d&#039;habitatges&quot;},{&quot;src&quot;:&quot;https:\\\/\\\/www.garciafaura.com\\\/wp-content\\\/uploads\\\/2018\\\/10\\\/Promicio-Ponent-Badalona-08.jpg&quot;,&quot;title&quot;:&quot;Tancaments d&#039;alumini i vidrieria en promoci\\u00f3 d&#039;habitatges&quot;},{&quot;src&quot;:&quot;https:\\\/\\\/www.garciafaura.com\\\/wp-content\\\/uploads\\\/2018\\\/10\\\/Promicio-Ponent-Badalona-07.jpg&quot;,&quot;title&quot;:&quot;Tancaments d&#039;alumini i vidrieria en promoci\\u00f3 d&#039;habitatges&quot;},{&quot;src&quot;:&quot;https:\\\/\\\/www.garciafaura.com\\\/wp-content\\\/uploads\\\/2018\\\/10\\\/Promicio-Ponent-Badalona-06.jpg&quot;,&quot;title&quot;:&quot;Tancaments d&#039;alumini i vidrieria en promoci\\u00f3 d&#039;habitatges&quot;},{&quot;src&quot;:&quot;https:\\\/\\\/www.garciafaura.com\\\/wp-content\\\/uploads\\\/2018\\\/10\\\/Promicio-Ponent-Badalona-05.jpg&quot;,&quot;title&quot;:&quot;Tancaments d&#039;alumini i vidrieria en promoci\\u00f3 d&#039;habitatges&quot;},{&quot;src&quot;:&quot;https:\\\/\\\/www.garciafaura.com\\\/wp-content\\\/uploads\\\/2018\\\/10\\\/Promicio-Ponent-Badalona-04.jpg&quot;,&quot;title&quot;:&quot;Tancaments d&#039;alumini i vidrieria en promoci\\u00f3 d&#039;habitatges&quot;},{&quot;src&quot;:&quot;https:\\\/\\\/www.garciafaura.com\\\/wp-content\\\/uploads\\\/2018\\\/10\\\/Promicio-Ponent-Badalona-03.jpg&quot;,&quot;title&quot;:&quot;Tancaments d&#039;alumini i vidrieria en promoci\\u00f3 d&#039;habitatges&quot;},{&quot;src&quot;:&quot;https:\\\/\\\/www.garciafaura.com\\\/wp-content\\\/uploads\\\/2018\\\/10\\\/Promicio-Ponent-Badalona-02.jpg&quot;,&quot;title&quot;:&quot;Tancaments d&#039;alumini i vidrieria en promoci\\u00f3 d&#039;habitatges&quot;}]\"><img loading=\"lazy\" decoding=\"async\" width=\"1200\" height=\"628\" src=\"https:\/\/www.garciafaura.com\/wp-content\/uploads\/2018\/10\/Promicio-Ponent-Badalona-01.jpg\" class=\"portfolio-entry-img skip-lazy\" alt=\"Fermetures en aluminium et verre pour promotion de logements\" data-no-lazy=\"1\" srcset=\"https:\/\/www.garciafaura.com\/wp-content\/uploads\/2018\/10\/Promicio-Ponent-Badalona-01.jpg 1200w, https:\/\/www.garciafaura.com\/wp-content\/uploads\/2018\/10\/Promicio-Ponent-Badalona-01-300x157.jpg 300w, https:\/\/www.garciafaura.com\/wp-content\/uploads\/2018\/10\/Promicio-Ponent-Badalona-01-768x402.jpg 768w, https:\/\/www.garciafaura.com\/wp-content\/uploads\/2018\/10\/Promicio-Ponent-Badalona-01-1024x536.jpg 1024w\" sizes=\"auto, (max-width: 1200px) 100vw, 1200px\" \/><\/a><\/div><div class=\"portfolio-entry-details entry-details wpex-clr\"><h2 class=\"portfolio-entry-title entry-title\"><a href=\"https:\/\/www.garciafaura.com\/fr\/portfolio-item\/promotion-ponent-badalona\/\" title=\"Promotion Ponent Badalona\">Promotion Ponent Badalona<\/a><\/h2><div class=\"portfolio-entry-categories entry-categories wpex-clr\"><a href=\"https:\/\/www.garciafaura.com\/fr\/portfolio-category\/ensembles-residentiels\/\" class=\"term-77\">Ensembles r\u00e9sidentiels<\/a><\/div><\/div><\/div><\/div><div class=\"portfolio-entry vcex-grid-item entry-has-details span_1_of_3 col col-3 vcex-isotope-entry vcex-no-margin-entry post-20685 entry type-portfolio has-media cat-77 translation_priority-5\"><div class=\"portfolio-entry-inner entry-inner wpex-clr\"><div class=\"portfolio-entry-media entry-media wpex-clr\"><a href=\"https:\/\/www.garciafaura.com\/wp-content\/uploads\/2018\/10\/Promocio-Marti-Pujol-Badalona-06.jpg\" title=\"Promotion Mart\u00ed Pujol\" class=\"portfolio-entry-media-link wpex-lightbox-gallery\" data-gallery=\"[{&quot;src&quot;:&quot;https:\\\/\\\/www.garciafaura.com\\\/wp-content\\\/uploads\\\/2018\\\/10\\\/Promocio-Marti-Pujol-Badalona-01.jpg&quot;,&quot;title&quot;:&quot;Tancaments d&#039;alumini i vidrieria en promoci\\u00f3 d&#039;habitatges&quot;},{&quot;src&quot;:&quot;https:\\\/\\\/www.garciafaura.com\\\/wp-content\\\/uploads\\\/2018\\\/10\\\/Promocio-Marti-Pujol-Badalona-07.jpg&quot;,&quot;title&quot;:&quot;Tancaments d&#039;alumini i vidrieria en promoci\\u00f3 d&#039;habitatges&quot;},{&quot;src&quot;:&quot;https:\\\/\\\/www.garciafaura.com\\\/wp-content\\\/uploads\\\/2018\\\/10\\\/Promocio-Marti-Pujol-Badalona-06.jpg&quot;,&quot;title&quot;:&quot;Fermetures en aluminium et verre pour promotion de logements&quot;},{&quot;src&quot;:&quot;https:\\\/\\\/www.garciafaura.com\\\/wp-content\\\/uploads\\\/2018\\\/10\\\/Promocio-Marti-Pujol-Badalona-05.jpg&quot;,&quot;title&quot;:&quot;Tancaments d&#039;alumini i vidrieria en promoci\\u00f3 d&#039;habitatges&quot;},{&quot;src&quot;:&quot;https:\\\/\\\/www.garciafaura.com\\\/wp-content\\\/uploads\\\/2018\\\/10\\\/Promocio-Marti-Pujol-Badalona-04.jpg&quot;,&quot;title&quot;:&quot;Tancaments d&#039;alumini i vidrieria en promoci\\u00f3 d&#039;habitatges&quot;},{&quot;src&quot;:&quot;https:\\\/\\\/www.garciafaura.com\\\/wp-content\\\/uploads\\\/2018\\\/10\\\/Promocio-Marti-Pujol-Badalona-03.jpg&quot;,&quot;title&quot;:&quot;Tancaments d&#039;alumini i vidrieria en promoci\\u00f3 d&#039;habitatges&quot;},{&quot;src&quot;:&quot;https:\\\/\\\/www.garciafaura.com\\\/wp-content\\\/uploads\\\/2018\\\/10\\\/Promocio-Marti-Pujol-Badalona-02.jpg&quot;,&quot;title&quot;:&quot;Tancaments d&#039;alumini i vidrieria en promoci\\u00f3 d&#039;habitatges&quot;}]\"><img loading=\"lazy\" decoding=\"async\" width=\"1200\" height=\"628\" src=\"https:\/\/www.garciafaura.com\/wp-content\/uploads\/2018\/10\/Promocio-Marti-Pujol-Badalona-06.jpg\" class=\"portfolio-entry-img skip-lazy\" alt=\"Fermetures en aluminium et verre pour promotion de logements\" data-no-lazy=\"1\" srcset=\"https:\/\/www.garciafaura.com\/wp-content\/uploads\/2018\/10\/Promocio-Marti-Pujol-Badalona-06.jpg 1200w, https:\/\/www.garciafaura.com\/wp-content\/uploads\/2018\/10\/Promocio-Marti-Pujol-Badalona-06-300x157.jpg 300w, https:\/\/www.garciafaura.com\/wp-content\/uploads\/2018\/10\/Promocio-Marti-Pujol-Badalona-06-768x402.jpg 768w, https:\/\/www.garciafaura.com\/wp-content\/uploads\/2018\/10\/Promocio-Marti-Pujol-Badalona-06-1024x536.jpg 1024w\" sizes=\"auto, (max-width: 1200px) 100vw, 1200px\" \/><\/a><\/div><div class=\"portfolio-entry-details entry-details wpex-clr\"><h2 class=\"portfolio-entry-title entry-title\"><a href=\"https:\/\/www.garciafaura.com\/fr\/portfolio-item\/promotion-marti-pujol\/\" title=\"Promotion Mart\u00ed Pujol\">Promotion Mart\u00ed Pujol<\/a><\/h2><div class=\"portfolio-entry-categories entry-categories wpex-clr\"><a href=\"https:\/\/www.garciafaura.com\/fr\/portfolio-category\/ensembles-residentiels\/\" class=\"term-77\">Ensembles r\u00e9sidentiels<\/a><\/div><\/div><\/div><\/div><div class=\"portfolio-entry vcex-grid-item entry-has-details span_1_of_3 col col-1 vcex-isotope-entry vcex-no-margin-entry post-20678 entry type-portfolio has-media cat-77 translation_priority-5\"><div class=\"portfolio-entry-inner entry-inner wpex-clr\"><div class=\"portfolio-entry-media entry-media wpex-clr\"><a href=\"https:\/\/www.garciafaura.com\/wp-content\/uploads\/2018\/09\/Promocio-Iberhogar-Sant-Boi-01.jpg\" title=\"Promotion Iberhogar Sant Boi de Llobregat\" class=\"portfolio-entry-media-link wpex-lightbox-gallery\" data-gallery=\"[{&quot;src&quot;:&quot;https:\\\/\\\/www.garciafaura.com\\\/wp-content\\\/uploads\\\/2018\\\/09\\\/Promocio-Iberhogar-Sant-Boi-01.jpg&quot;,&quot;title&quot;:&quot;Fermetures en aluminium et verre pour promotion de logements \\u00e0 Sant Boi de Llobregat.&quot;},{&quot;src&quot;:&quot;https:\\\/\\\/www.garciafaura.com\\\/wp-content\\\/uploads\\\/2018\\\/09\\\/Promocio-Iberhogar-Sant-Boi-08.jpg&quot;,&quot;title&quot;:&quot;Tancaments d&#039;alumini i vidrieria en promoci\\u00f3 d&#039;habitatges a Sant Boi&quot;},{&quot;src&quot;:&quot;https:\\\/\\\/www.garciafaura.com\\\/wp-content\\\/uploads\\\/2018\\\/09\\\/Promocio-Iberhogar-Sant-Boi-07.jpg&quot;,&quot;title&quot;:&quot;Tancaments d&#039;alumini i vidrieria en promoci\\u00f3 d&#039;habitatges a Sant Boi&quot;},{&quot;src&quot;:&quot;https:\\\/\\\/www.garciafaura.com\\\/wp-content\\\/uploads\\\/2018\\\/09\\\/Promocio-Iberhogar-Sant-Boi-06.jpg&quot;,&quot;title&quot;:&quot;Tancaments d&#039;alumini i vidrieria en promoci\\u00f3 d&#039;habitatges a Sant Boi&quot;},{&quot;src&quot;:&quot;https:\\\/\\\/www.garciafaura.com\\\/wp-content\\\/uploads\\\/2018\\\/09\\\/Promocio-Iberhogar-Sant-Boi-05.jpg&quot;,&quot;title&quot;:&quot;Tancaments d&#039;alumini i vidrieria en promoci\\u00f3 d&#039;habitatges a Sant Boi&quot;},{&quot;src&quot;:&quot;https:\\\/\\\/www.garciafaura.com\\\/wp-content\\\/uploads\\\/2018\\\/09\\\/Promocio-Iberhogar-Sant-Boi-04.jpg&quot;,&quot;title&quot;:&quot;Tancaments d&#039;alumini i vidrieria en promoci\\u00f3 d&#039;habitatges a Sant Boi&quot;},{&quot;src&quot;:&quot;https:\\\/\\\/www.garciafaura.com\\\/wp-content\\\/uploads\\\/2018\\\/09\\\/Promocio-Iberhogar-Sant-Boi-03.jpg&quot;,&quot;title&quot;:&quot;Tancaments d&#039;alumini i vidrieria en promoci\\u00f3 d&#039;habitatges a Sant Boi&quot;},{&quot;src&quot;:&quot;https:\\\/\\\/www.garciafaura.com\\\/wp-content\\\/uploads\\\/2018\\\/09\\\/Promocio-Iberhogar-Sant-Boi-02.jpg&quot;,&quot;title&quot;:&quot;Tancaments d&#039;alumini i vidrieria en promoci\\u00f3 d&#039;habitatges a Sant Boi&quot;}]\"><img loading=\"lazy\" decoding=\"async\" width=\"1200\" height=\"628\" src=\"https:\/\/www.garciafaura.com\/wp-content\/uploads\/2018\/09\/Promocio-Iberhogar-Sant-Boi-01.jpg\" class=\"portfolio-entry-img skip-lazy\" alt=\"Fermetures en aluminium et verre pour promotion de logements \u00e0 Sant Boi de Llobregat.\" data-no-lazy=\"1\" srcset=\"https:\/\/www.garciafaura.com\/wp-content\/uploads\/2018\/09\/Promocio-Iberhogar-Sant-Boi-01.jpg 1200w, https:\/\/www.garciafaura.com\/wp-content\/uploads\/2018\/09\/Promocio-Iberhogar-Sant-Boi-01-300x157.jpg 300w, https:\/\/www.garciafaura.com\/wp-content\/uploads\/2018\/09\/Promocio-Iberhogar-Sant-Boi-01-768x402.jpg 768w, https:\/\/www.garciafaura.com\/wp-content\/uploads\/2018\/09\/Promocio-Iberhogar-Sant-Boi-01-1024x536.jpg 1024w\" sizes=\"auto, (max-width: 1200px) 100vw, 1200px\" \/><\/a><\/div><div class=\"portfolio-entry-details entry-details wpex-clr\"><h2 class=\"portfolio-entry-title entry-title\"><a href=\"https:\/\/www.garciafaura.com\/fr\/portfolio-item\/promotion-iberhogar-sant-boi-de-llobregat\/\" title=\"Promotion Iberhogar Sant Boi de Llobregat\">Promotion Iberhogar Sant Boi de Llobregat<\/a><\/h2><div class=\"portfolio-entry-categories entry-categories wpex-clr\"><a href=\"https:\/\/www.garciafaura.com\/fr\/portfolio-category\/ensembles-residentiels\/\" class=\"term-77\">Ensembles r\u00e9sidentiels<\/a><\/div><\/div><\/div><\/div><div class=\"portfolio-entry vcex-grid-item entry-has-details span_1_of_3 col col-2 vcex-isotope-entry vcex-no-margin-entry post-20665 entry type-portfolio has-media cat-77 translation_priority-5\"><div class=\"portfolio-entry-inner entry-inner wpex-clr\"><div class=\"portfolio-entry-media entry-media wpex-clr\"><a href=\"https:\/\/www.garciafaura.com\/wp-content\/uploads\/2018\/09\/Promocio-Can-Mates-Sant-Cugat-01.jpg\" title=\"Promotion Can Mates\" class=\"portfolio-entry-media-link wpex-lightbox-gallery\" data-gallery=\"[{&quot;src&quot;:&quot;https:\\\/\\\/www.garciafaura.com\\\/wp-content\\\/uploads\\\/2018\\\/09\\\/Promocio-Can-Mates-Sant-Cugat-01.jpg&quot;},{&quot;src&quot;:&quot;https:\\\/\\\/www.garciafaura.com\\\/wp-content\\\/uploads\\\/2018\\\/09\\\/Promocio-Can-Mates-Sant-Cugat-08.jpg&quot;},{&quot;src&quot;:&quot;https:\\\/\\\/www.garciafaura.com\\\/wp-content\\\/uploads\\\/2018\\\/09\\\/Promocio-Can-Mates-Sant-Cugat-07.jpg&quot;},{&quot;src&quot;:&quot;https:\\\/\\\/www.garciafaura.com\\\/wp-content\\\/uploads\\\/2018\\\/09\\\/Promocio-Can-Mates-Sant-Cugat-06.jpg&quot;},{&quot;src&quot;:&quot;https:\\\/\\\/www.garciafaura.com\\\/wp-content\\\/uploads\\\/2018\\\/09\\\/Promocio-Can-Mates-Sant-Cugat-05.jpg&quot;},{&quot;src&quot;:&quot;https:\\\/\\\/www.garciafaura.com\\\/wp-content\\\/uploads\\\/2018\\\/09\\\/Promocio-Can-Mates-Sant-Cugat-04.jpg&quot;},{&quot;src&quot;:&quot;https:\\\/\\\/www.garciafaura.com\\\/wp-content\\\/uploads\\\/2018\\\/09\\\/Promocio-Can-Mates-Sant-Cugat-03.jpg&quot;},{&quot;src&quot;:&quot;https:\\\/\\\/www.garciafaura.com\\\/wp-content\\\/uploads\\\/2018\\\/09\\\/Promocio-Can-Mates-Sant-Cugat-02.jpg&quot;}]\"><img loading=\"lazy\" decoding=\"async\" width=\"1200\" height=\"628\" src=\"https:\/\/www.garciafaura.com\/wp-content\/uploads\/2018\/09\/Promocio-Can-Mates-Sant-Cugat-01.jpg\" class=\"portfolio-entry-img skip-lazy\" alt=\"\" data-no-lazy=\"1\" srcset=\"https:\/\/www.garciafaura.com\/wp-content\/uploads\/2018\/09\/Promocio-Can-Mates-Sant-Cugat-01.jpg 1200w, https:\/\/www.garciafaura.com\/wp-content\/uploads\/2018\/09\/Promocio-Can-Mates-Sant-Cugat-01-300x157.jpg 300w, https:\/\/www.garciafaura.com\/wp-content\/uploads\/2018\/09\/Promocio-Can-Mates-Sant-Cugat-01-768x402.jpg 768w, https:\/\/www.garciafaura.com\/wp-content\/uploads\/2018\/09\/Promocio-Can-Mates-Sant-Cugat-01-1024x536.jpg 1024w\" sizes=\"auto, (max-width: 1200px) 100vw, 1200px\" \/><\/a><\/div><div class=\"portfolio-entry-details entry-details wpex-clr\"><h2 class=\"portfolio-entry-title entry-title\"><a href=\"https:\/\/www.garciafaura.com\/fr\/portfolio-item\/promotion-can-mates\/\" title=\"Promotion Can Mates\">Promotion Can Mates<\/a><\/h2><div class=\"portfolio-entry-categories entry-categories wpex-clr\"><a href=\"https:\/\/www.garciafaura.com\/fr\/portfolio-category\/ensembles-residentiels\/\" class=\"term-77\">Ensembles r\u00e9sidentiels<\/a><\/div><\/div><\/div><\/div><div class=\"portfolio-entry vcex-grid-item entry-has-details span_1_of_3 col col-3 vcex-isotope-entry vcex-no-margin-entry post-20666 entry type-portfolio has-media cat-77 cat-91 translation_priority-5\"><div class=\"portfolio-entry-inner entry-inner wpex-clr\"><div class=\"portfolio-entry-media entry-media wpex-clr\"><a href=\"https:\/\/www.garciafaura.com\/wp-content\/uploads\/2018\/09\/Promocio-Dalt-Vila-Badalona-01.jpg\" title=\"Promotion Dalt La Vila\" class=\"portfolio-entry-media-link wpex-lightbox-gallery\" data-gallery=\"[{&quot;src&quot;:&quot;https:\\\/\\\/www.garciafaura.com\\\/wp-content\\\/uploads\\\/2018\\\/09\\\/Promocio-Dalt-Vila-Badalona-01.jpg&quot;},{&quot;src&quot;:&quot;https:\\\/\\\/www.garciafaura.com\\\/wp-content\\\/uploads\\\/2018\\\/09\\\/Promocio-Dalt-Vila-Badalona-07.jpg&quot;},{&quot;src&quot;:&quot;https:\\\/\\\/www.garciafaura.com\\\/wp-content\\\/uploads\\\/2018\\\/09\\\/Promocio-Dalt-Vila-Badalona-06.jpg&quot;},{&quot;src&quot;:&quot;https:\\\/\\\/www.garciafaura.com\\\/wp-content\\\/uploads\\\/2018\\\/09\\\/Promocio-Dalt-Vila-Badalona-05.jpg&quot;},{&quot;src&quot;:&quot;https:\\\/\\\/www.garciafaura.com\\\/wp-content\\\/uploads\\\/2018\\\/09\\\/Promocio-Dalt-Vila-Badalona-04.jpg&quot;},{&quot;src&quot;:&quot;https:\\\/\\\/www.garciafaura.com\\\/wp-content\\\/uploads\\\/2018\\\/09\\\/Promocio-Dalt-Vila-Badalona-03.jpg&quot;},{&quot;src&quot;:&quot;https:\\\/\\\/www.garciafaura.com\\\/wp-content\\\/uploads\\\/2018\\\/09\\\/Promocio-Dalt-Vila-Badalona-02.jpg&quot;}]\"><img loading=\"lazy\" decoding=\"async\" width=\"1200\" height=\"628\" src=\"https:\/\/www.garciafaura.com\/wp-content\/uploads\/2018\/09\/Promocio-Dalt-Vila-Badalona-01.jpg\" class=\"portfolio-entry-img skip-lazy\" alt=\"\" data-no-lazy=\"1\" srcset=\"https:\/\/www.garciafaura.com\/wp-content\/uploads\/2018\/09\/Promocio-Dalt-Vila-Badalona-01.jpg 1200w, https:\/\/www.garciafaura.com\/wp-content\/uploads\/2018\/09\/Promocio-Dalt-Vila-Badalona-01-300x157.jpg 300w, https:\/\/www.garciafaura.com\/wp-content\/uploads\/2018\/09\/Promocio-Dalt-Vila-Badalona-01-768x402.jpg 768w, https:\/\/www.garciafaura.com\/wp-content\/uploads\/2018\/09\/Promocio-Dalt-Vila-Badalona-01-1024x536.jpg 1024w\" sizes=\"auto, (max-width: 1200px) 100vw, 1200px\" \/><\/a><\/div><div class=\"portfolio-entry-details entry-details wpex-clr\"><h2 class=\"portfolio-entry-title entry-title\"><a href=\"https:\/\/www.garciafaura.com\/fr\/portfolio-item\/promotion-dalt-la-vila\/\" title=\"Promotion Dalt La Vila\">Promotion Dalt La Vila<\/a><\/h2><div class=\"portfolio-entry-categories entry-categories wpex-clr\"><a href=\"https:\/\/www.garciafaura.com\/fr\/portfolio-category\/ensembles-residentiels\/\" class=\"term-77\">Ensembles r\u00e9sidentiels<\/a><\/div><\/div><\/div><\/div><div class=\"portfolio-entry vcex-grid-item entry-has-details span_1_of_3 col col-1 vcex-isotope-entry vcex-no-margin-entry post-20664 entry type-portfolio has-media cat-77 translation_priority-5\"><div class=\"portfolio-entry-inner entry-inner wpex-clr\"><div class=\"portfolio-entry-media entry-media wpex-clr\"><a href=\"https:\/\/www.garciafaura.com\/wp-content\/uploads\/2018\/09\/Promocio-Can-Ribes-Gava-01.jpg\" title=\"Promotion Can Ribes\" class=\"portfolio-entry-media-link wpex-lightbox-gallery\" data-gallery=\"[{&quot;src&quot;:&quot;https:\\\/\\\/www.garciafaura.com\\\/wp-content\\\/uploads\\\/2018\\\/09\\\/Promocio-Can-Ribes-Gava-01.jpg&quot;},{&quot;src&quot;:&quot;https:\\\/\\\/www.garciafaura.com\\\/wp-content\\\/uploads\\\/2018\\\/09\\\/Promocio-Can-Ribes-Gava-08.jpg&quot;},{&quot;src&quot;:&quot;https:\\\/\\\/www.garciafaura.com\\\/wp-content\\\/uploads\\\/2018\\\/09\\\/Promocio-Can-Ribes-Gava-07.jpg&quot;},{&quot;src&quot;:&quot;https:\\\/\\\/www.garciafaura.com\\\/wp-content\\\/uploads\\\/2018\\\/09\\\/Promocio-Can-Ribes-Gava-06.jpg&quot;},{&quot;src&quot;:&quot;https:\\\/\\\/www.garciafaura.com\\\/wp-content\\\/uploads\\\/2018\\\/09\\\/Promocio-Can-Ribes-Gava-05.jpg&quot;},{&quot;src&quot;:&quot;https:\\\/\\\/www.garciafaura.com\\\/wp-content\\\/uploads\\\/2018\\\/09\\\/Promocio-Can-Ribes-Gava-04.jpg&quot;},{&quot;src&quot;:&quot;https:\\\/\\\/www.garciafaura.com\\\/wp-content\\\/uploads\\\/2018\\\/09\\\/Promocio-Can-Ribes-Gava-03.jpg&quot;},{&quot;src&quot;:&quot;https:\\\/\\\/www.garciafaura.com\\\/wp-content\\\/uploads\\\/2018\\\/09\\\/Promocio-Can-Ribes-Gava-02.jpg&quot;}]\"><img loading=\"lazy\" decoding=\"async\" width=\"1200\" height=\"628\" src=\"https:\/\/www.garciafaura.com\/wp-content\/uploads\/2018\/09\/Promocio-Can-Ribes-Gava-01.jpg\" class=\"portfolio-entry-img skip-lazy\" alt=\"\" data-no-lazy=\"1\" srcset=\"https:\/\/www.garciafaura.com\/wp-content\/uploads\/2018\/09\/Promocio-Can-Ribes-Gava-01.jpg 1200w, https:\/\/www.garciafaura.com\/wp-content\/uploads\/2018\/09\/Promocio-Can-Ribes-Gava-01-300x157.jpg 300w, https:\/\/www.garciafaura.com\/wp-content\/uploads\/2018\/09\/Promocio-Can-Ribes-Gava-01-768x402.jpg 768w, https:\/\/www.garciafaura.com\/wp-content\/uploads\/2018\/09\/Promocio-Can-Ribes-Gava-01-1024x536.jpg 1024w\" sizes=\"auto, (max-width: 1200px) 100vw, 1200px\" \/><\/a><\/div><div class=\"portfolio-entry-details entry-details wpex-clr\"><h2 class=\"portfolio-entry-title entry-title\"><a href=\"https:\/\/www.garciafaura.com\/fr\/portfolio-item\/promotion-can-ribes\/\" title=\"Promotion Can Ribes\">Promotion Can Ribes<\/a><\/h2><div class=\"portfolio-entry-categories entry-categories wpex-clr\"><a href=\"https:\/\/www.garciafaura.com\/fr\/portfolio-category\/ensembles-residentiels\/\" class=\"term-77\">Ensembles r\u00e9sidentiels<\/a><\/div><\/div><\/div><\/div><div class=\"portfolio-entry vcex-grid-item entry-has-details span_1_of_3 col col-2 vcex-isotope-entry vcex-no-margin-entry post-20661 entry type-portfolio has-media cat-77 translation_priority-5\"><div class=\"portfolio-entry-inner entry-inner wpex-clr\"><div class=\"portfolio-entry-media entry-media wpex-clr\"><a href=\"https:\/\/www.garciafaura.com\/wp-content\/uploads\/2018\/09\/Promocio\u0301-Sant-Gervasi-02.jpg\" title=\"Promotion Sant Gervasi\" class=\"portfolio-entry-media-link wpex-lightbox-gallery\" data-gallery=\"[{&quot;src&quot;:&quot;https:\\\/\\\/www.garciafaura.com\\\/wp-content\\\/uploads\\\/2018\\\/09\\\/Promocio\\u0301-Sant-Gervasi-02.jpg&quot;},{&quot;src&quot;:&quot;https:\\\/\\\/www.garciafaura.com\\\/wp-content\\\/uploads\\\/2018\\\/09\\\/Promocio\\u0301-Sant-Gervasi-01.jpg&quot;},{&quot;src&quot;:&quot;https:\\\/\\\/www.garciafaura.com\\\/wp-content\\\/uploads\\\/2018\\\/09\\\/Promocio\\u0301-Sant-Gervasi-06.jpg&quot;},{&quot;src&quot;:&quot;https:\\\/\\\/www.garciafaura.com\\\/wp-content\\\/uploads\\\/2018\\\/09\\\/Promocio\\u0301-Sant-Gervasi-05.jpg&quot;},{&quot;src&quot;:&quot;https:\\\/\\\/www.garciafaura.com\\\/wp-content\\\/uploads\\\/2018\\\/09\\\/Promocio\\u0301-Sant-Gervasi-04.jpg&quot;},{&quot;src&quot;:&quot;https:\\\/\\\/www.garciafaura.com\\\/wp-content\\\/uploads\\\/2018\\\/09\\\/Promocio\\u0301-Sant-Gervasi-03.jpg&quot;}]\"><img loading=\"lazy\" decoding=\"async\" width=\"1200\" height=\"628\" src=\"https:\/\/www.garciafaura.com\/wp-content\/uploads\/2018\/09\/Promocio\u0301-Sant-Gervasi-02.jpg\" class=\"portfolio-entry-img skip-lazy\" alt=\"\" data-no-lazy=\"1\" srcset=\"https:\/\/www.garciafaura.com\/wp-content\/uploads\/2018\/09\/Promocio\u0301-Sant-Gervasi-02.jpg 1200w, https:\/\/www.garciafaura.com\/wp-content\/uploads\/2018\/09\/Promocio\u0301-Sant-Gervasi-02-300x157.jpg 300w, https:\/\/www.garciafaura.com\/wp-content\/uploads\/2018\/09\/Promocio\u0301-Sant-Gervasi-02-768x402.jpg 768w, https:\/\/www.garciafaura.com\/wp-content\/uploads\/2018\/09\/Promocio\u0301-Sant-Gervasi-02-1024x536.jpg 1024w\" sizes=\"auto, (max-width: 1200px) 100vw, 1200px\" \/><\/a><\/div><div class=\"portfolio-entry-details entry-details wpex-clr\"><h2 class=\"portfolio-entry-title entry-title\"><a href=\"https:\/\/www.garciafaura.com\/fr\/portfolio-item\/promotion-sant-gervasi\/\" title=\"Promotion Sant Gervasi\">Promotion Sant Gervasi<\/a><\/h2><div class=\"portfolio-entry-categories entry-categories wpex-clr\"><a href=\"https:\/\/www.garciafaura.com\/fr\/portfolio-category\/ensembles-residentiels\/\" class=\"term-77\">Ensembles r\u00e9sidentiels<\/a><\/div><\/div><\/div><\/div><div class=\"portfolio-entry vcex-grid-item entry-has-details span_1_of_3 col col-3 vcex-isotope-entry vcex-no-margin-entry post-20658 entry type-portfolio has-media cat-77 translation_priority-5\"><div class=\"portfolio-entry-inner entry-inner wpex-clr\"><div class=\"portfolio-entry-media entry-media wpex-clr\"><a href=\"https:\/\/www.garciafaura.com\/wp-content\/uploads\/2019\/01\/IMG_9228.jpg\" title=\"Promotion Viladecans\" class=\"portfolio-entry-media-link wpex-lightbox-gallery\" data-gallery=\"[{&quot;src&quot;:&quot;https:\\\/\\\/www.garciafaura.com\\\/wp-content\\\/uploads\\\/2019\\\/01\\\/IMG_9238.jpg&quot;},{&quot;src&quot;:&quot;https:\\\/\\\/www.garciafaura.com\\\/wp-content\\\/uploads\\\/2019\\\/01\\\/IMG_9237.jpg&quot;},{&quot;src&quot;:&quot;https:\\\/\\\/www.garciafaura.com\\\/wp-content\\\/uploads\\\/2019\\\/01\\\/IMG_9235.jpg&quot;},{&quot;src&quot;:&quot;https:\\\/\\\/www.garciafaura.com\\\/wp-content\\\/uploads\\\/2019\\\/01\\\/IMG_9232.jpg&quot;},{&quot;src&quot;:&quot;https:\\\/\\\/www.garciafaura.com\\\/wp-content\\\/uploads\\\/2019\\\/01\\\/IMG_9231.jpg&quot;},{&quot;src&quot;:&quot;https:\\\/\\\/www.garciafaura.com\\\/wp-content\\\/uploads\\\/2019\\\/01\\\/IMG_9230.jpg&quot;},{&quot;src&quot;:&quot;https:\\\/\\\/www.garciafaura.com\\\/wp-content\\\/uploads\\\/2019\\\/01\\\/IMG_9224.jpg&quot;},{&quot;src&quot;:&quot;https:\\\/\\\/www.garciafaura.com\\\/wp-content\\\/uploads\\\/2019\\\/01\\\/IMG_9222.jpg&quot;},{&quot;src&quot;:&quot;https:\\\/\\\/www.garciafaura.com\\\/wp-content\\\/uploads\\\/2019\\\/01\\\/IMG_9221.jpg&quot;}]\"><img loading=\"lazy\" decoding=\"async\" width=\"1200\" height=\"628\" src=\"https:\/\/www.garciafaura.com\/wp-content\/uploads\/2019\/01\/IMG_9228.jpg\" class=\"portfolio-entry-img skip-lazy\" alt=\"Fermetures pour 70 logements dans immeuble multifamilial\" data-no-lazy=\"1\" srcset=\"https:\/\/www.garciafaura.com\/wp-content\/uploads\/2019\/01\/IMG_9228.jpg 1200w, https:\/\/www.garciafaura.com\/wp-content\/uploads\/2019\/01\/IMG_9228-300x157.jpg 300w, https:\/\/www.garciafaura.com\/wp-content\/uploads\/2019\/01\/IMG_9228-768x402.jpg 768w, https:\/\/www.garciafaura.com\/wp-content\/uploads\/2019\/01\/IMG_9228-1024x536.jpg 1024w\" sizes=\"auto, (max-width: 1200px) 100vw, 1200px\" \/><\/a><\/div><div class=\"portfolio-entry-details entry-details wpex-clr\"><h2 class=\"portfolio-entry-title entry-title\"><a href=\"https:\/\/www.garciafaura.com\/fr\/portfolio-item\/promotion-viladecans-2\/\" title=\"Promotion Viladecans\">Promotion Viladecans<\/a><\/h2><div class=\"portfolio-entry-categories entry-categories wpex-clr\"><a href=\"https:\/\/www.garciafaura.com\/fr\/portfolio-category\/ensembles-residentiels\/\" class=\"term-77\">Ensembles r\u00e9sidentiels<\/a><\/div><\/div><\/div><\/div><div class=\"portfolio-entry vcex-grid-item entry-has-details span_1_of_3 col col-1 vcex-isotope-entry vcex-no-margin-entry post-20537 entry type-portfolio has-media cat-77 cat-97 cat-98 translation_priority-5\"><div class=\"portfolio-entry-inner entry-inner wpex-clr\"><div class=\"portfolio-entry-media entry-media wpex-clr\"><a href=\"https:\/\/www.garciafaura.com\/wp-content\/uploads\/2019\/03\/11264-01.jpg\" title=\"B\u00e2timent Alaia\" class=\"portfolio-entry-media-link wpex-lightbox-gallery\" data-gallery=\"[{&quot;src&quot;:&quot;https:\\\/\\\/www.garciafaura.com\\\/wp-content\\\/uploads\\\/2019\\\/03\\\/11264-01.jpg&quot;,&quot;title&quot;:&quot;COLOMBIA ALAIA&quot;},{&quot;src&quot;:&quot;https:\\\/\\\/www.garciafaura.com\\\/wp-content\\\/uploads\\\/2019\\\/03\\\/11264-05.jpg&quot;,&quot;title&quot;:&quot;COLOMBIA ALAIA&quot;},{&quot;src&quot;:&quot;https:\\\/\\\/www.garciafaura.com\\\/wp-content\\\/uploads\\\/2019\\\/03\\\/11264-04.jpg&quot;,&quot;title&quot;:&quot;COLOMBIA ALAIA&quot;},{&quot;src&quot;:&quot;https:\\\/\\\/www.garciafaura.com\\\/wp-content\\\/uploads\\\/2019\\\/03\\\/11264-03.jpg&quot;,&quot;title&quot;:&quot;COLOMBIA ALAIA&quot;},{&quot;src&quot;:&quot;https:\\\/\\\/www.garciafaura.com\\\/wp-content\\\/uploads\\\/2019\\\/03\\\/11264-02.jpg&quot;,&quot;title&quot;:&quot;COLOMBIA ALAIA&quot;}]\"><img loading=\"lazy\" decoding=\"async\" width=\"1200\" height=\"628\" src=\"https:\/\/www.garciafaura.com\/wp-content\/uploads\/2019\/03\/11264-01.jpg\" class=\"portfolio-entry-img skip-lazy\" alt=\"COLOMBIA ALAIA\" data-no-lazy=\"1\" srcset=\"https:\/\/www.garciafaura.com\/wp-content\/uploads\/2019\/03\/11264-01.jpg 1200w, https:\/\/www.garciafaura.com\/wp-content\/uploads\/2019\/03\/11264-01-300x157.jpg 300w, https:\/\/www.garciafaura.com\/wp-content\/uploads\/2019\/03\/11264-01-768x402.jpg 768w, https:\/\/www.garciafaura.com\/wp-content\/uploads\/2019\/03\/11264-01-1024x536.jpg 1024w, https:\/\/www.garciafaura.com\/wp-content\/uploads\/2019\/03\/11264-01-600x314.jpg 600w\" sizes=\"auto, (max-width: 1200px) 100vw, 1200px\" \/><\/a><\/div><div class=\"portfolio-entry-details entry-details wpex-clr\"><h2 class=\"portfolio-entry-title entry-title\"><a href=\"https:\/\/www.garciafaura.com\/fr\/portfolio-item\/batiment-alaia\/\" title=\"B\u00e2timent Alaia\">B\u00e2timent Alaia<\/a><\/h2><div class=\"portfolio-entry-categories entry-categories wpex-clr\"><a href=\"https:\/\/www.garciafaura.com\/fr\/portfolio-category\/ensembles-residentiels\/\" class=\"term-77\">Ensembles r\u00e9sidentiels<\/a><\/div><\/div><\/div><\/div><div class=\"portfolio-entry vcex-grid-item entry-has-details span_1_of_3 col col-2 vcex-isotope-entry vcex-no-margin-entry post-20539 entry type-portfolio has-media cat-77 translation_priority-5\"><div class=\"portfolio-entry-inner entry-inner wpex-clr\"><div class=\"portfolio-entry-media entry-media wpex-clr\"><a href=\"https:\/\/www.garciafaura.com\/wp-content\/uploads\/2018\/11\/Habitatges-carrer-Watt-03.jpg\" title=\"Logements rue Watt\" class=\"portfolio-entry-media-link wpex-lightbox-gallery\" data-gallery=\"[{&quot;src&quot;:&quot;https:\\\/\\\/www.garciafaura.com\\\/wp-content\\\/uploads\\\/2018\\\/11\\\/Habitatges-carrer-Watt-03.jpg&quot;},{&quot;src&quot;:&quot;https:\\\/\\\/www.garciafaura.com\\\/wp-content\\\/uploads\\\/2018\\\/11\\\/Habitatges-carrer-Watt-01.jpg&quot;},{&quot;src&quot;:&quot;https:\\\/\\\/www.garciafaura.com\\\/wp-content\\\/uploads\\\/2018\\\/11\\\/Habitatges-carrer-Watt-07.jpg&quot;},{&quot;src&quot;:&quot;https:\\\/\\\/www.garciafaura.com\\\/wp-content\\\/uploads\\\/2018\\\/11\\\/Habitatges-carrer-Watt-06.jpg&quot;},{&quot;src&quot;:&quot;https:\\\/\\\/www.garciafaura.com\\\/wp-content\\\/uploads\\\/2018\\\/11\\\/Habitatges-carrer-Watt-05.jpg&quot;},{&quot;src&quot;:&quot;https:\\\/\\\/www.garciafaura.com\\\/wp-content\\\/uploads\\\/2018\\\/11\\\/Habitatges-carrer-Watt-04.jpg&quot;},{&quot;src&quot;:&quot;https:\\\/\\\/www.garciafaura.com\\\/wp-content\\\/uploads\\\/2018\\\/11\\\/Habitatges-carrer-Watt-02.jpg&quot;}]\"><img loading=\"lazy\" decoding=\"async\" width=\"600\" height=\"314\" src=\"https:\/\/www.garciafaura.com\/wp-content\/uploads\/2018\/11\/Habitatges-carrer-Watt-03.jpg\" class=\"portfolio-entry-img skip-lazy\" alt=\"\" data-no-lazy=\"1\" srcset=\"https:\/\/www.garciafaura.com\/wp-content\/uploads\/2018\/11\/Habitatges-carrer-Watt-03.jpg 600w, https:\/\/www.garciafaura.com\/wp-content\/uploads\/2018\/11\/Habitatges-carrer-Watt-03-300x157.jpg 300w\" sizes=\"auto, (max-width: 600px) 100vw, 600px\" \/><\/a><\/div><div class=\"portfolio-entry-details entry-details wpex-clr\"><h2 class=\"portfolio-entry-title entry-title\"><a href=\"https:\/\/www.garciafaura.com\/fr\/portfolio-item\/logements-calle-watt\/\" title=\"Logements rue Watt\">Logements rue Watt<\/a><\/h2><div class=\"portfolio-entry-categories entry-categories wpex-clr\"><a href=\"https:\/\/www.garciafaura.com\/fr\/portfolio-category\/ensembles-residentiels\/\" class=\"term-77\">Ensembles r\u00e9sidentiels<\/a><\/div><\/div><\/div><\/div><div class=\"portfolio-entry vcex-grid-item entry-has-details span_1_of_3 col col-3 vcex-isotope-entry vcex-no-margin-entry post-20536 entry type-portfolio has-media cat-77 translation_priority-5\"><div class=\"portfolio-entry-inner entry-inner wpex-clr\"><div class=\"portfolio-entry-media entry-media wpex-clr\"><a href=\"https:\/\/www.garciafaura.com\/wp-content\/uploads\/2018\/11\/Promocio\u0301-Sant-Feliu-Llobregat-01.jpg\" title=\"Promotion Sant Feliu de Llobregat\" class=\"portfolio-entry-media-link wpex-lightbox-gallery\" data-gallery=\"[{&quot;src&quot;:&quot;https:\\\/\\\/www.garciafaura.com\\\/wp-content\\\/uploads\\\/2018\\\/11\\\/Promocio\\u0301-Sant-Feliu-Llobregat-01.jpg&quot;},{&quot;src&quot;:&quot;https:\\\/\\\/www.garciafaura.com\\\/wp-content\\\/uploads\\\/2018\\\/11\\\/Promocio\\u0301-Sant-Feliu-Llobregat-07.jpg&quot;},{&quot;src&quot;:&quot;https:\\\/\\\/www.garciafaura.com\\\/wp-content\\\/uploads\\\/2018\\\/11\\\/Promocio\\u0301-Sant-Feliu-Llobregat-06.jpg&quot;},{&quot;src&quot;:&quot;https:\\\/\\\/www.garciafaura.com\\\/wp-content\\\/uploads\\\/2018\\\/11\\\/Promocio\\u0301-Sant-Feliu-Llobregat-05.jpg&quot;},{&quot;src&quot;:&quot;https:\\\/\\\/www.garciafaura.com\\\/wp-content\\\/uploads\\\/2018\\\/11\\\/Promocio\\u0301-Sant-Feliu-Llobregat-04.jpg&quot;},{&quot;src&quot;:&quot;https:\\\/\\\/www.garciafaura.com\\\/wp-content\\\/uploads\\\/2018\\\/11\\\/Promocio\\u0301-Sant-Feliu-Llobregat-03.jpg&quot;},{&quot;src&quot;:&quot;https:\\\/\\\/www.garciafaura.com\\\/wp-content\\\/uploads\\\/2018\\\/11\\\/Promocio\\u0301-Sant-Feliu-Llobregat-02.jpg&quot;}]\"><img loading=\"lazy\" decoding=\"async\" width=\"1200\" height=\"628\" src=\"https:\/\/www.garciafaura.com\/wp-content\/uploads\/2018\/11\/Promocio\u0301-Sant-Feliu-Llobregat-01.jpg\" class=\"portfolio-entry-img skip-lazy\" alt=\"\" data-no-lazy=\"1\" srcset=\"https:\/\/www.garciafaura.com\/wp-content\/uploads\/2018\/11\/Promocio\u0301-Sant-Feliu-Llobregat-01.jpg 1200w, https:\/\/www.garciafaura.com\/wp-content\/uploads\/2018\/11\/Promocio\u0301-Sant-Feliu-Llobregat-01-300x157.jpg 300w, https:\/\/www.garciafaura.com\/wp-content\/uploads\/2018\/11\/Promocio\u0301-Sant-Feliu-Llobregat-01-768x402.jpg 768w, https:\/\/www.garciafaura.com\/wp-content\/uploads\/2018\/11\/Promocio\u0301-Sant-Feliu-Llobregat-01-1024x536.jpg 1024w\" sizes=\"auto, (max-width: 1200px) 100vw, 1200px\" \/><\/a><\/div><div class=\"portfolio-entry-details entry-details wpex-clr\"><h2 class=\"portfolio-entry-title entry-title\"><a href=\"https:\/\/www.garciafaura.com\/fr\/portfolio-item\/promotion-sant-feliu-de-llobregat-3\/\" title=\"Promotion Sant Feliu de Llobregat\">Promotion Sant Feliu de Llobregat<\/a><\/h2><div class=\"portfolio-entry-categories entry-categories wpex-clr\"><a href=\"https:\/\/www.garciafaura.com\/fr\/portfolio-category\/ensembles-residentiels\/\" class=\"term-77\">Ensembles r\u00e9sidentiels<\/a><\/div><\/div><\/div><\/div><div class=\"portfolio-entry vcex-grid-item entry-has-details span_1_of_3 col col-1 vcex-isotope-entry vcex-no-margin-entry post-20534 entry type-portfolio has-media cat-77 translation_priority-5\"><div class=\"portfolio-entry-inner entry-inner wpex-clr\"><div class=\"portfolio-entry-media entry-media wpex-clr\"><a href=\"https:\/\/www.garciafaura.com\/wp-content\/uploads\/2018\/11\/Promocio\u0301-Arrahona-Sabadell.jpg\" title=\"Promotion Arrahona\" class=\"portfolio-entry-media-link wpex-lightbox\"><img loading=\"lazy\" decoding=\"async\" width=\"1200\" height=\"628\" src=\"https:\/\/www.garciafaura.com\/wp-content\/uploads\/2018\/11\/Promocio\u0301-Arrahona-Sabadell.jpg\" class=\"portfolio-entry-img skip-lazy\" alt=\"\" data-no-lazy=\"1\" srcset=\"https:\/\/www.garciafaura.com\/wp-content\/uploads\/2018\/11\/Promocio\u0301-Arrahona-Sabadell.jpg 1200w, https:\/\/www.garciafaura.com\/wp-content\/uploads\/2018\/11\/Promocio\u0301-Arrahona-Sabadell-300x157.jpg 300w, https:\/\/www.garciafaura.com\/wp-content\/uploads\/2018\/11\/Promocio\u0301-Arrahona-Sabadell-768x402.jpg 768w, https:\/\/www.garciafaura.com\/wp-content\/uploads\/2018\/11\/Promocio\u0301-Arrahona-Sabadell-1024x536.jpg 1024w\" sizes=\"auto, (max-width: 1200px) 100vw, 1200px\" \/><\/a><\/div><div class=\"portfolio-entry-details entry-details wpex-clr\"><h2 class=\"portfolio-entry-title entry-title\"><a href=\"https:\/\/www.garciafaura.com\/fr\/portfolio-item\/promotion-arrahona\/\" title=\"Promotion Arrahona\">Promotion Arrahona<\/a><\/h2><div class=\"portfolio-entry-categories entry-categories wpex-clr\"><a href=\"https:\/\/www.garciafaura.com\/fr\/portfolio-category\/ensembles-residentiels\/\" class=\"term-77\">Ensembles r\u00e9sidentiels<\/a><\/div><\/div><\/div><\/div><div class=\"portfolio-entry vcex-grid-item entry-has-details span_1_of_3 col col-2 vcex-isotope-entry vcex-no-margin-entry post-20529 entry type-portfolio has-media cat-77 translation_priority-5\"><div class=\"portfolio-entry-inner entry-inner wpex-clr\"><div class=\"portfolio-entry-media entry-media wpex-clr\"><a href=\"https:\/\/www.garciafaura.com\/wp-content\/uploads\/2018\/11\/Promocio\u0301-carrer-Came\u0300lies-06.jpg\" title=\"Promotion Cam\u00e8lies\" class=\"portfolio-entry-media-link wpex-lightbox-gallery\" data-gallery=\"[{&quot;src&quot;:&quot;https:\\\/\\\/www.garciafaura.com\\\/wp-content\\\/uploads\\\/2018\\\/11\\\/Promocio\\u0301-carrer-Came\\u0300lies-03.jpg&quot;},{&quot;src&quot;:&quot;https:\\\/\\\/www.garciafaura.com\\\/wp-content\\\/uploads\\\/2018\\\/11\\\/Promocio\\u0301-carrer-Came\\u0300lies-01.jpg&quot;},{&quot;src&quot;:&quot;https:\\\/\\\/www.garciafaura.com\\\/wp-content\\\/uploads\\\/2018\\\/11\\\/Promocio\\u0301-carrer-Came\\u0300lies-05.jpg&quot;},{&quot;src&quot;:&quot;https:\\\/\\\/www.garciafaura.com\\\/wp-content\\\/uploads\\\/2018\\\/11\\\/Promocio\\u0301-carrer-Came\\u0300lies-04.jpg&quot;},{&quot;src&quot;:&quot;https:\\\/\\\/www.garciafaura.com\\\/wp-content\\\/uploads\\\/2018\\\/11\\\/Promocio\\u0301-carrer-Came\\u0300lies-02.jpg&quot;}]\"><img loading=\"lazy\" decoding=\"async\" width=\"1200\" height=\"628\" src=\"https:\/\/www.garciafaura.com\/wp-content\/uploads\/2018\/11\/Promocio\u0301-carrer-Came\u0300lies-06.jpg\" class=\"portfolio-entry-img skip-lazy\" alt=\"Fermetures et protections solaires pour promotion de logements \u00e0 Barcelone\" data-no-lazy=\"1\" srcset=\"https:\/\/www.garciafaura.com\/wp-content\/uploads\/2018\/11\/Promocio\u0301-carrer-Came\u0300lies-06.jpg 1200w, https:\/\/www.garciafaura.com\/wp-content\/uploads\/2018\/11\/Promocio\u0301-carrer-Came\u0300lies-06-300x157.jpg 300w, https:\/\/www.garciafaura.com\/wp-content\/uploads\/2018\/11\/Promocio\u0301-carrer-Came\u0300lies-06-768x402.jpg 768w, https:\/\/www.garciafaura.com\/wp-content\/uploads\/2018\/11\/Promocio\u0301-carrer-Came\u0300lies-06-1024x536.jpg 1024w\" sizes=\"auto, (max-width: 1200px) 100vw, 1200px\" \/><\/a><\/div><div class=\"portfolio-entry-details entry-details wpex-clr\"><h2 class=\"portfolio-entry-title entry-title\"><a href=\"https:\/\/www.garciafaura.com\/fr\/portfolio-item\/promotion-camelies\/\" title=\"Promotion Cam\u00e8lies\">Promotion Cam\u00e8lies<\/a><\/h2><div class=\"portfolio-entry-categories entry-categories wpex-clr\"><a href=\"https:\/\/www.garciafaura.com\/fr\/portfolio-category\/ensembles-residentiels\/\" class=\"term-77\">Ensembles r\u00e9sidentiels<\/a><\/div><\/div><\/div><\/div><div class=\"portfolio-entry vcex-grid-item entry-has-details span_1_of_3 col col-3 vcex-isotope-entry vcex-no-margin-entry post-20530 entry type-portfolio has-media cat-77 translation_priority-5\"><div class=\"portfolio-entry-inner entry-inner wpex-clr\"><div class=\"portfolio-entry-media entry-media wpex-clr\"><a href=\"https:\/\/www.garciafaura.com\/wp-content\/uploads\/2018\/11\/Promocio\u0301-carrer-Modolell-05.jpg\" title=\"Promotion calle Modolell\" class=\"portfolio-entry-media-link wpex-lightbox-gallery\" data-gallery=\"[{&quot;src&quot;:&quot;https:\\\/\\\/www.garciafaura.com\\\/wp-content\\\/uploads\\\/2018\\\/11\\\/Promocio\\u0301-carrer-Modolell-07.jpg&quot;},{&quot;src&quot;:&quot;https:\\\/\\\/www.garciafaura.com\\\/wp-content\\\/uploads\\\/2018\\\/11\\\/Promocio\\u0301-carrer-Modolell-01.jpg&quot;},{&quot;src&quot;:&quot;https:\\\/\\\/www.garciafaura.com\\\/wp-content\\\/uploads\\\/2018\\\/11\\\/Promocio\\u0301-carrer-Modolell-11.jpg&quot;},{&quot;src&quot;:&quot;https:\\\/\\\/www.garciafaura.com\\\/wp-content\\\/uploads\\\/2018\\\/11\\\/Promocio\\u0301-carrer-Modolell-10.jpg&quot;},{&quot;src&quot;:&quot;https:\\\/\\\/www.garciafaura.com\\\/wp-content\\\/uploads\\\/2018\\\/11\\\/Promocio\\u0301-carrer-Modolell-09.jpg&quot;},{&quot;src&quot;:&quot;https:\\\/\\\/www.garciafaura.com\\\/wp-content\\\/uploads\\\/2018\\\/11\\\/Promocio\\u0301-carrer-Modolell-08.jpg&quot;},{&quot;src&quot;:&quot;https:\\\/\\\/www.garciafaura.com\\\/wp-content\\\/uploads\\\/2018\\\/11\\\/Promocio\\u0301-carrer-Modolell-06.jpg&quot;},{&quot;src&quot;:&quot;https:\\\/\\\/www.garciafaura.com\\\/wp-content\\\/uploads\\\/2018\\\/11\\\/Promocio\\u0301-carrer-Modolell-05.jpg&quot;},{&quot;src&quot;:&quot;https:\\\/\\\/www.garciafaura.com\\\/wp-content\\\/uploads\\\/2018\\\/11\\\/Promocio\\u0301-carrer-Modolell-04.jpg&quot;},{&quot;src&quot;:&quot;https:\\\/\\\/www.garciafaura.com\\\/wp-content\\\/uploads\\\/2018\\\/11\\\/Promocio\\u0301-carrer-Modolell-03.jpg&quot;},{&quot;src&quot;:&quot;https:\\\/\\\/www.garciafaura.com\\\/wp-content\\\/uploads\\\/2018\\\/11\\\/Promocio\\u0301-carrer-Modolell-02.jpg&quot;}]\"><img loading=\"lazy\" decoding=\"async\" width=\"1200\" height=\"628\" src=\"https:\/\/www.garciafaura.com\/wp-content\/uploads\/2018\/11\/Promocio\u0301-carrer-Modolell-05.jpg\" class=\"portfolio-entry-img skip-lazy\" alt=\"\" data-no-lazy=\"1\" srcset=\"https:\/\/www.garciafaura.com\/wp-content\/uploads\/2018\/11\/Promocio\u0301-carrer-Modolell-05.jpg 1200w, https:\/\/www.garciafaura.com\/wp-content\/uploads\/2018\/11\/Promocio\u0301-carrer-Modolell-05-300x157.jpg 300w, https:\/\/www.garciafaura.com\/wp-content\/uploads\/2018\/11\/Promocio\u0301-carrer-Modolell-05-768x402.jpg 768w, https:\/\/www.garciafaura.com\/wp-content\/uploads\/2018\/11\/Promocio\u0301-carrer-Modolell-05-1024x536.jpg 1024w\" sizes=\"auto, (max-width: 1200px) 100vw, 1200px\" \/><\/a><\/div><div class=\"portfolio-entry-details entry-details wpex-clr\"><h2 class=\"portfolio-entry-title entry-title\"><a href=\"https:\/\/www.garciafaura.com\/fr\/portfolio-item\/promotion-calle-modolell\/\" title=\"Promotion calle Modolell\">Promotion calle Modolell<\/a><\/h2><div class=\"portfolio-entry-categories entry-categories wpex-clr\"><a href=\"https:\/\/www.garciafaura.com\/fr\/portfolio-category\/ensembles-residentiels\/\" class=\"term-77\">Ensembles r\u00e9sidentiels<\/a><\/div><\/div><\/div><\/div><div class=\"portfolio-entry vcex-grid-item entry-has-details span_1_of_3 col col-1 vcex-isotope-entry vcex-no-margin-entry post-20527 entry type-portfolio has-media cat-77 translation_priority-5\"><div class=\"portfolio-entry-inner entry-inner wpex-clr\"><div class=\"portfolio-entry-media entry-media wpex-clr\"><a href=\"https:\/\/www.garciafaura.com\/wp-content\/uploads\/2018\/11\/Promocio\u0301-Carreras-Candi-01.jpg\" title=\"Promotion Carreras Candi\" class=\"portfolio-entry-media-link wpex-lightbox-gallery\" data-gallery=\"[{&quot;src&quot;:&quot;https:\\\/\\\/www.garciafaura.com\\\/wp-content\\\/uploads\\\/2018\\\/11\\\/Promocio\\u0301-Carreras-Candi-01.jpg&quot;},{&quot;src&quot;:&quot;https:\\\/\\\/www.garciafaura.com\\\/wp-content\\\/uploads\\\/2018\\\/11\\\/Promocio\\u0301-Carreras-Candi-12.jpg&quot;},{&quot;src&quot;:&quot;https:\\\/\\\/www.garciafaura.com\\\/wp-content\\\/uploads\\\/2018\\\/11\\\/Promocio\\u0301-Carreras-Candi-11.jpg&quot;},{&quot;src&quot;:&quot;https:\\\/\\\/www.garciafaura.com\\\/wp-content\\\/uploads\\\/2018\\\/11\\\/Promocio\\u0301-Carreras-Candi-10.jpg&quot;},{&quot;src&quot;:&quot;https:\\\/\\\/www.garciafaura.com\\\/wp-content\\\/uploads\\\/2018\\\/11\\\/Promocio\\u0301-Carreras-Candi-09.jpg&quot;},{&quot;src&quot;:&quot;https:\\\/\\\/www.garciafaura.com\\\/wp-content\\\/uploads\\\/2018\\\/11\\\/Promocio\\u0301-Carreras-Candi-08.jpg&quot;},{&quot;src&quot;:&quot;https:\\\/\\\/www.garciafaura.com\\\/wp-content\\\/uploads\\\/2018\\\/11\\\/Promocio\\u0301-Carreras-Candi-07.jpg&quot;},{&quot;src&quot;:&quot;https:\\\/\\\/www.garciafaura.com\\\/wp-content\\\/uploads\\\/2018\\\/11\\\/Promocio\\u0301-Carreras-Candi-06.jpg&quot;},{&quot;src&quot;:&quot;https:\\\/\\\/www.garciafaura.com\\\/wp-content\\\/uploads\\\/2018\\\/11\\\/Promocio\\u0301-Carreras-Candi-05.jpg&quot;},{&quot;src&quot;:&quot;https:\\\/\\\/www.garciafaura.com\\\/wp-content\\\/uploads\\\/2018\\\/11\\\/Promocio\\u0301-Carreras-Candi-04.jpg&quot;},{&quot;src&quot;:&quot;https:\\\/\\\/www.garciafaura.com\\\/wp-content\\\/uploads\\\/2018\\\/11\\\/Promocio\\u0301-Carreras-Candi-03.jpg&quot;},{&quot;src&quot;:&quot;https:\\\/\\\/www.garciafaura.com\\\/wp-content\\\/uploads\\\/2018\\\/11\\\/Promocio\\u0301-Carreras-Candi-02.jpg&quot;}]\"><img loading=\"lazy\" decoding=\"async\" width=\"1200\" height=\"628\" src=\"https:\/\/www.garciafaura.com\/wp-content\/uploads\/2018\/11\/Promocio\u0301-Carreras-Candi-01.jpg\" class=\"portfolio-entry-img skip-lazy\" alt=\"\" data-no-lazy=\"1\" srcset=\"https:\/\/www.garciafaura.com\/wp-content\/uploads\/2018\/11\/Promocio\u0301-Carreras-Candi-01.jpg 1200w, https:\/\/www.garciafaura.com\/wp-content\/uploads\/2018\/11\/Promocio\u0301-Carreras-Candi-01-300x157.jpg 300w, https:\/\/www.garciafaura.com\/wp-content\/uploads\/2018\/11\/Promocio\u0301-Carreras-Candi-01-768x402.jpg 768w, https:\/\/www.garciafaura.com\/wp-content\/uploads\/2018\/11\/Promocio\u0301-Carreras-Candi-01-1024x536.jpg 1024w\" sizes=\"auto, (max-width: 1200px) 100vw, 1200px\" \/><\/a><\/div><div class=\"portfolio-entry-details entry-details wpex-clr\"><h2 class=\"portfolio-entry-title entry-title\"><a href=\"https:\/\/www.garciafaura.com\/fr\/portfolio-item\/promotion-carreras-candi\/\" title=\"Promotion Carreras Candi\">Promotion Carreras Candi<\/a><\/h2><div class=\"portfolio-entry-categories entry-categories wpex-clr\"><a href=\"https:\/\/www.garciafaura.com\/fr\/portfolio-category\/ensembles-residentiels\/\" class=\"term-77\">Ensembles r\u00e9sidentiels<\/a><\/div><\/div><\/div><\/div><div class=\"portfolio-entry vcex-grid-item entry-has-details span_1_of_3 col col-2 vcex-isotope-entry vcex-no-margin-entry post-20528 entry type-portfolio has-media cat-77 cat-91 translation_priority-5\"><div class=\"portfolio-entry-inner entry-inner wpex-clr\"><div class=\"portfolio-entry-media entry-media wpex-clr\"><a href=\"https:\/\/www.garciafaura.com\/wp-content\/uploads\/2018\/11\/Promocio\u0301-carrer-Biosca-01.jpg\" title=\"Promotions Biosca\" class=\"portfolio-entry-media-link wpex-lightbox-gallery\" data-gallery=\"[{&quot;src&quot;:&quot;https:\\\/\\\/www.garciafaura.com\\\/wp-content\\\/uploads\\\/2018\\\/11\\\/Promocio\\u0301-carrer-Biosca-01.jpg&quot;},{&quot;src&quot;:&quot;https:\\\/\\\/www.garciafaura.com\\\/wp-content\\\/uploads\\\/2018\\\/11\\\/Promocio\\u0301-carrer-Biosca-11.jpg&quot;},{&quot;src&quot;:&quot;https:\\\/\\\/www.garciafaura.com\\\/wp-content\\\/uploads\\\/2018\\\/11\\\/Promocio\\u0301-carrer-Biosca-10.jpg&quot;},{&quot;src&quot;:&quot;https:\\\/\\\/www.garciafaura.com\\\/wp-content\\\/uploads\\\/2018\\\/11\\\/Promocio\\u0301-carrer-Biosca-09.jpg&quot;},{&quot;src&quot;:&quot;https:\\\/\\\/www.garciafaura.com\\\/wp-content\\\/uploads\\\/2018\\\/11\\\/Promocio\\u0301-carrer-Biosca-08.jpg&quot;},{&quot;src&quot;:&quot;https:\\\/\\\/www.garciafaura.com\\\/wp-content\\\/uploads\\\/2018\\\/11\\\/Promocio\\u0301-carrer-Biosca-07.jpg&quot;},{&quot;src&quot;:&quot;https:\\\/\\\/www.garciafaura.com\\\/wp-content\\\/uploads\\\/2018\\\/11\\\/Promocio\\u0301-carrer-Biosca-06.jpg&quot;},{&quot;src&quot;:&quot;https:\\\/\\\/www.garciafaura.com\\\/wp-content\\\/uploads\\\/2018\\\/11\\\/Promocio\\u0301-carrer-Biosca-05.jpg&quot;},{&quot;src&quot;:&quot;https:\\\/\\\/www.garciafaura.com\\\/wp-content\\\/uploads\\\/2018\\\/11\\\/Promocio\\u0301-carrer-Biosca-04.jpg&quot;},{&quot;src&quot;:&quot;https:\\\/\\\/www.garciafaura.com\\\/wp-content\\\/uploads\\\/2018\\\/11\\\/Promocio\\u0301-carrer-Biosca-03.jpg&quot;},{&quot;src&quot;:&quot;https:\\\/\\\/www.garciafaura.com\\\/wp-content\\\/uploads\\\/2018\\\/11\\\/Promocio\\u0301-carrer-Biosca-02.jpg&quot;}]\"><img loading=\"lazy\" decoding=\"async\" width=\"1200\" height=\"628\" src=\"https:\/\/www.garciafaura.com\/wp-content\/uploads\/2018\/11\/Promocio\u0301-carrer-Biosca-01.jpg\" class=\"portfolio-entry-img skip-lazy\" alt=\"\" data-no-lazy=\"1\" srcset=\"https:\/\/www.garciafaura.com\/wp-content\/uploads\/2018\/11\/Promocio\u0301-carrer-Biosca-01.jpg 1200w, https:\/\/www.garciafaura.com\/wp-content\/uploads\/2018\/11\/Promocio\u0301-carrer-Biosca-01-300x157.jpg 300w, https:\/\/www.garciafaura.com\/wp-content\/uploads\/2018\/11\/Promocio\u0301-carrer-Biosca-01-768x402.jpg 768w, https:\/\/www.garciafaura.com\/wp-content\/uploads\/2018\/11\/Promocio\u0301-carrer-Biosca-01-1024x536.jpg 1024w\" sizes=\"auto, (max-width: 1200px) 100vw, 1200px\" \/><\/a><\/div><div class=\"portfolio-entry-details entry-details wpex-clr\"><h2 class=\"portfolio-entry-title entry-title\"><a href=\"https:\/\/www.garciafaura.com\/fr\/portfolio-item\/promotions-biosca\/\" title=\"Promotions Biosca\">Promotions Biosca<\/a><\/h2><div class=\"portfolio-entry-categories entry-categories wpex-clr\"><a href=\"https:\/\/www.garciafaura.com\/fr\/portfolio-category\/ensembles-residentiels\/\" class=\"term-77\">Ensembles r\u00e9sidentiels<\/a><\/div><\/div><\/div><\/div><div class=\"portfolio-entry vcex-grid-item entry-has-details span_1_of_3 col col-3 vcex-isotope-entry vcex-no-margin-entry post-20519 entry type-portfolio has-media cat-77 cat-91 translation_priority-5\"><div class=\"portfolio-entry-inner entry-inner wpex-clr\"><div class=\"portfolio-entry-media entry-media wpex-clr\"><a href=\"https:\/\/www.garciafaura.com\/wp-content\/uploads\/2018\/10\/Promocio\u0301-Sant-Just-01.jpg\" title=\"Promotion Sant Just\" class=\"portfolio-entry-media-link wpex-lightbox-gallery\" data-gallery=\"[{&quot;src&quot;:&quot;https:\\\/\\\/www.garciafaura.com\\\/wp-content\\\/uploads\\\/2018\\\/10\\\/Promocio\\u0301-Sant-Just-01.jpg&quot;},{&quot;src&quot;:&quot;https:\\\/\\\/www.garciafaura.com\\\/wp-content\\\/uploads\\\/2018\\\/10\\\/Promocio\\u0301-Sant-Just-17.jpg&quot;},{&quot;src&quot;:&quot;https:\\\/\\\/www.garciafaura.com\\\/wp-content\\\/uploads\\\/2018\\\/10\\\/Promocio\\u0301-Sant-Just-16.jpg&quot;},{&quot;src&quot;:&quot;https:\\\/\\\/www.garciafaura.com\\\/wp-content\\\/uploads\\\/2018\\\/10\\\/Promocio\\u0301-Sant-Just-15.jpg&quot;},{&quot;src&quot;:&quot;https:\\\/\\\/www.garciafaura.com\\\/wp-content\\\/uploads\\\/2018\\\/10\\\/Promocio\\u0301-Sant-Just-14.jpg&quot;},{&quot;src&quot;:&quot;https:\\\/\\\/www.garciafaura.com\\\/wp-content\\\/uploads\\\/2018\\\/10\\\/Promocio\\u0301-Sant-Just-13.jpg&quot;},{&quot;src&quot;:&quot;https:\\\/\\\/www.garciafaura.com\\\/wp-content\\\/uploads\\\/2018\\\/10\\\/Promocio\\u0301-Sant-Just-12.jpg&quot;},{&quot;src&quot;:&quot;https:\\\/\\\/www.garciafaura.com\\\/wp-content\\\/uploads\\\/2018\\\/10\\\/Promocio\\u0301-Sant-Just-11.jpg&quot;},{&quot;src&quot;:&quot;https:\\\/\\\/www.garciafaura.com\\\/wp-content\\\/uploads\\\/2018\\\/10\\\/Promocio\\u0301-Sant-Just-10.jpg&quot;},{&quot;src&quot;:&quot;https:\\\/\\\/www.garciafaura.com\\\/wp-content\\\/uploads\\\/2018\\\/10\\\/Promocio\\u0301-Sant-Just-09.jpg&quot;},{&quot;src&quot;:&quot;https:\\\/\\\/www.garciafaura.com\\\/wp-content\\\/uploads\\\/2018\\\/10\\\/Promocio\\u0301-Sant-Just-08.jpg&quot;},{&quot;src&quot;:&quot;https:\\\/\\\/www.garciafaura.com\\\/wp-content\\\/uploads\\\/2018\\\/10\\\/Promocio\\u0301-Sant-Just-07.jpg&quot;},{&quot;src&quot;:&quot;https:\\\/\\\/www.garciafaura.com\\\/wp-content\\\/uploads\\\/2018\\\/10\\\/Promocio\\u0301-Sant-Just-06.jpg&quot;},{&quot;src&quot;:&quot;https:\\\/\\\/www.garciafaura.com\\\/wp-content\\\/uploads\\\/2018\\\/10\\\/Promocio\\u0301-Sant-Just-05.jpg&quot;},{&quot;src&quot;:&quot;https:\\\/\\\/www.garciafaura.com\\\/wp-content\\\/uploads\\\/2018\\\/10\\\/Promocio\\u0301-Sant-Just-04.jpg&quot;},{&quot;src&quot;:&quot;https:\\\/\\\/www.garciafaura.com\\\/wp-content\\\/uploads\\\/2018\\\/10\\\/Promocio\\u0301-Sant-Just-03.jpg&quot;},{&quot;src&quot;:&quot;https:\\\/\\\/www.garciafaura.com\\\/wp-content\\\/uploads\\\/2018\\\/10\\\/Promocio\\u0301-Sant-Just-02.jpg&quot;}]\"><img loading=\"lazy\" decoding=\"async\" width=\"1200\" height=\"628\" src=\"https:\/\/www.garciafaura.com\/wp-content\/uploads\/2018\/10\/Promocio\u0301-Sant-Just-01.jpg\" class=\"portfolio-entry-img skip-lazy\" alt=\"\" data-no-lazy=\"1\" srcset=\"https:\/\/www.garciafaura.com\/wp-content\/uploads\/2018\/10\/Promocio\u0301-Sant-Just-01.jpg 1200w, https:\/\/www.garciafaura.com\/wp-content\/uploads\/2018\/10\/Promocio\u0301-Sant-Just-01-300x157.jpg 300w, https:\/\/www.garciafaura.com\/wp-content\/uploads\/2018\/10\/Promocio\u0301-Sant-Just-01-768x402.jpg 768w, https:\/\/www.garciafaura.com\/wp-content\/uploads\/2018\/10\/Promocio\u0301-Sant-Just-01-1024x536.jpg 1024w\" sizes=\"auto, (max-width: 1200px) 100vw, 1200px\" \/><\/a><\/div><div class=\"portfolio-entry-details entry-details wpex-clr\"><h2 class=\"portfolio-entry-title entry-title\"><a href=\"https:\/\/www.garciafaura.com\/fr\/portfolio-item\/promotion-sant-just\/\" title=\"Promotion Sant Just\">Promotion Sant Just<\/a><\/h2><div class=\"portfolio-entry-categories entry-categories wpex-clr\"><a href=\"https:\/\/www.garciafaura.com\/fr\/portfolio-category\/ensembles-residentiels\/\" class=\"term-77\">Ensembles r\u00e9sidentiels<\/a><\/div><\/div><\/div><\/div><div class=\"portfolio-entry vcex-grid-item entry-has-details span_1_of_3 col col-1 vcex-isotope-entry vcex-no-margin-entry post-20517 entry type-portfolio has-media cat-77 translation_priority-5\"><div class=\"portfolio-entry-inner entry-inner wpex-clr\"><div class=\"portfolio-entry-media entry-media wpex-clr\"><a href=\"https:\/\/www.garciafaura.com\/wp-content\/uploads\/2019\/03\/Promocio-Sant-Feliu-Laurea-Miro-01.jpg\" title=\"Promotion Laure\u00e0 Mir\u00f3\" class=\"portfolio-entry-media-link wpex-lightbox-gallery\" data-gallery=\"[{&quot;src&quot;:&quot;https:\\\/\\\/www.garciafaura.com\\\/wp-content\\\/uploads\\\/2019\\\/03\\\/Promocio-Sant-Feliu-Laurea-Miro-01.jpg&quot;},{&quot;src&quot;:&quot;https:\\\/\\\/www.garciafaura.com\\\/wp-content\\\/uploads\\\/2019\\\/03\\\/Promocio-Sant-Feliu-Laurea-Miro-08.jpg&quot;},{&quot;src&quot;:&quot;https:\\\/\\\/www.garciafaura.com\\\/wp-content\\\/uploads\\\/2019\\\/03\\\/Promocio-Sant-Feliu-Laurea-Miro-07.jpg&quot;},{&quot;src&quot;:&quot;https:\\\/\\\/www.garciafaura.com\\\/wp-content\\\/uploads\\\/2019\\\/03\\\/Promocio-Sant-Feliu-Laurea-Miro-06.jpg&quot;},{&quot;src&quot;:&quot;https:\\\/\\\/www.garciafaura.com\\\/wp-content\\\/uploads\\\/2019\\\/03\\\/Promocio-Sant-Feliu-Laurea-Miro-05.jpg&quot;},{&quot;src&quot;:&quot;https:\\\/\\\/www.garciafaura.com\\\/wp-content\\\/uploads\\\/2019\\\/03\\\/Promocio-Sant-Feliu-Laurea-Miro-04.jpg&quot;},{&quot;src&quot;:&quot;https:\\\/\\\/www.garciafaura.com\\\/wp-content\\\/uploads\\\/2019\\\/03\\\/Promocio-Sant-Feliu-Laurea-Miro-03.jpg&quot;},{&quot;src&quot;:&quot;https:\\\/\\\/www.garciafaura.com\\\/wp-content\\\/uploads\\\/2019\\\/03\\\/Promocio-Sant-Feliu-Laurea-Miro-02.jpg&quot;}]\"><img loading=\"lazy\" decoding=\"async\" width=\"1200\" height=\"628\" src=\"https:\/\/www.garciafaura.com\/wp-content\/uploads\/2019\/03\/Promocio-Sant-Feliu-Laurea-Miro-01.jpg\" class=\"portfolio-entry-img skip-lazy\" alt=\"\" data-no-lazy=\"1\" srcset=\"https:\/\/www.garciafaura.com\/wp-content\/uploads\/2019\/03\/Promocio-Sant-Feliu-Laurea-Miro-01.jpg 1200w, https:\/\/www.garciafaura.com\/wp-content\/uploads\/2019\/03\/Promocio-Sant-Feliu-Laurea-Miro-01-300x157.jpg 300w, https:\/\/www.garciafaura.com\/wp-content\/uploads\/2019\/03\/Promocio-Sant-Feliu-Laurea-Miro-01-768x402.jpg 768w, https:\/\/www.garciafaura.com\/wp-content\/uploads\/2019\/03\/Promocio-Sant-Feliu-Laurea-Miro-01-1024x536.jpg 1024w\" sizes=\"auto, (max-width: 1200px) 100vw, 1200px\" \/><\/a><\/div><div class=\"portfolio-entry-details entry-details wpex-clr\"><h2 class=\"portfolio-entry-title entry-title\"><a href=\"https:\/\/www.garciafaura.com\/fr\/portfolio-item\/promotion-laurea-miro\/\" title=\"Promotion Laure\u00e0 Mir\u00f3\">Promotion Laure\u00e0 Mir\u00f3<\/a><\/h2><div class=\"portfolio-entry-categories entry-categories wpex-clr\"><a href=\"https:\/\/www.garciafaura.com\/fr\/portfolio-category\/ensembles-residentiels\/\" class=\"term-77\">Ensembles r\u00e9sidentiels<\/a><\/div><\/div><\/div><\/div><div class=\"portfolio-entry vcex-grid-item entry-has-details span_1_of_3 col col-2 vcex-isotope-entry vcex-no-margin-entry post-20518 entry type-portfolio has-media cat-77 translation_priority-5\"><div class=\"portfolio-entry-inner entry-inner wpex-clr\"><div class=\"portfolio-entry-media entry-media wpex-clr\"><a href=\"https:\/\/www.garciafaura.com\/wp-content\/uploads\/2019\/01\/IMG_9029.jpg\" title=\"Promotion Sant Andreu\" class=\"portfolio-entry-media-link wpex-lightbox-gallery\" data-gallery=\"[{&quot;src&quot;:&quot;https:\\\/\\\/www.garciafaura.com\\\/wp-content\\\/uploads\\\/2019\\\/01\\\/IMG_9031.jpg&quot;},{&quot;src&quot;:&quot;https:\\\/\\\/www.garciafaura.com\\\/wp-content\\\/uploads\\\/2019\\\/01\\\/IMG_9048.jpg&quot;},{&quot;src&quot;:&quot;https:\\\/\\\/www.garciafaura.com\\\/wp-content\\\/uploads\\\/2019\\\/01\\\/IMG_9049.jpg&quot;},{&quot;src&quot;:&quot;https:\\\/\\\/www.garciafaura.com\\\/wp-content\\\/uploads\\\/2019\\\/01\\\/IMG_9046.jpg&quot;},{&quot;src&quot;:&quot;https:\\\/\\\/www.garciafaura.com\\\/wp-content\\\/uploads\\\/2019\\\/01\\\/IMG_9045.jpg&quot;},{&quot;src&quot;:&quot;https:\\\/\\\/www.garciafaura.com\\\/wp-content\\\/uploads\\\/2019\\\/01\\\/IMG_9039.jpg&quot;},{&quot;src&quot;:&quot;https:\\\/\\\/www.garciafaura.com\\\/wp-content\\\/uploads\\\/2019\\\/01\\\/IMG_9037.jpg&quot;},{&quot;src&quot;:&quot;https:\\\/\\\/www.garciafaura.com\\\/wp-content\\\/uploads\\\/2019\\\/01\\\/IMG_9036.jpg&quot;},{&quot;src&quot;:&quot;https:\\\/\\\/www.garciafaura.com\\\/wp-content\\\/uploads\\\/2019\\\/01\\\/IMG_9035.jpg&quot;}]\"><img loading=\"lazy\" decoding=\"async\" width=\"1200\" height=\"628\" src=\"https:\/\/www.garciafaura.com\/wp-content\/uploads\/2019\/01\/IMG_9029.jpg\" class=\"portfolio-entry-img skip-lazy\" alt=\"Fermetures en aluminium et verre pour immeuble r\u00e9sidentiel \u00e0 Barcelone\" data-no-lazy=\"1\" srcset=\"https:\/\/www.garciafaura.com\/wp-content\/uploads\/2019\/01\/IMG_9029.jpg 1200w, https:\/\/www.garciafaura.com\/wp-content\/uploads\/2019\/01\/IMG_9029-300x157.jpg 300w, https:\/\/www.garciafaura.com\/wp-content\/uploads\/2019\/01\/IMG_9029-768x402.jpg 768w, https:\/\/www.garciafaura.com\/wp-content\/uploads\/2019\/01\/IMG_9029-1024x536.jpg 1024w\" sizes=\"auto, (max-width: 1200px) 100vw, 1200px\" \/><\/a><\/div><div class=\"portfolio-entry-details entry-details wpex-clr\"><h2 class=\"portfolio-entry-title entry-title\"><a href=\"https:\/\/www.garciafaura.com\/fr\/portfolio-item\/promotion-sant-andreu\/\" title=\"Promotion Sant Andreu\">Promotion Sant Andreu<\/a><\/h2><div class=\"portfolio-entry-categories entry-categories wpex-clr\"><a href=\"https:\/\/www.garciafaura.com\/fr\/portfolio-category\/ensembles-residentiels\/\" class=\"term-77\">Ensembles r\u00e9sidentiels<\/a><\/div><\/div><\/div><\/div><div class=\"portfolio-entry vcex-grid-item entry-has-details span_1_of_3 col col-3 vcex-isotope-entry vcex-no-margin-entry post-20516 entry type-portfolio has-media cat-77 cat-91 translation_priority-5\"><div class=\"portfolio-entry-inner entry-inner wpex-clr\"><div class=\"portfolio-entry-media entry-media wpex-clr\"><a href=\"https:\/\/www.garciafaura.com\/wp-content\/uploads\/2019\/01\/IMG_9089.jpg\" title=\"Immeuble Gran Balmes\" class=\"portfolio-entry-media-link wpex-lightbox-gallery\" data-gallery=\"[{&quot;src&quot;:&quot;https:\\\/\\\/www.garciafaura.com\\\/wp-content\\\/uploads\\\/2019\\\/01\\\/IMG_9074.jpg&quot;},{&quot;src&quot;:&quot;https:\\\/\\\/www.garciafaura.com\\\/wp-content\\\/uploads\\\/2018\\\/11\\\/Hotel-Barcelona-1898-00.jpg&quot;},{&quot;src&quot;:&quot;https:\\\/\\\/www.garciafaura.com\\\/wp-content\\\/uploads\\\/2019\\\/01\\\/IMG_9090.jpg&quot;},{&quot;src&quot;:&quot;https:\\\/\\\/www.garciafaura.com\\\/wp-content\\\/uploads\\\/2019\\\/01\\\/IMG_9088.jpg&quot;},{&quot;src&quot;:&quot;https:\\\/\\\/www.garciafaura.com\\\/wp-content\\\/uploads\\\/2019\\\/01\\\/IMG_9081.jpg&quot;},{&quot;src&quot;:&quot;https:\\\/\\\/www.garciafaura.com\\\/wp-content\\\/uploads\\\/2019\\\/01\\\/IMG_9079.jpg&quot;},{&quot;src&quot;:&quot;https:\\\/\\\/www.garciafaura.com\\\/wp-content\\\/uploads\\\/2019\\\/01\\\/IMG_9076.jpg&quot;},{&quot;src&quot;:&quot;https:\\\/\\\/www.garciafaura.com\\\/wp-content\\\/uploads\\\/2019\\\/01\\\/IMG_9075.jpg&quot;},{&quot;src&quot;:&quot;https:\\\/\\\/www.garciafaura.com\\\/wp-content\\\/uploads\\\/2019\\\/01\\\/IMG_9072.jpg&quot;},{&quot;src&quot;:&quot;https:\\\/\\\/www.garciafaura.com\\\/wp-content\\\/uploads\\\/2019\\\/01\\\/IMG_9071.jpg&quot;}]\"><img loading=\"lazy\" decoding=\"async\" width=\"1200\" height=\"628\" src=\"https:\/\/www.garciafaura.com\/wp-content\/uploads\/2019\/01\/IMG_9089.jpg\" class=\"portfolio-entry-img skip-lazy\" alt=\"Fermetures en aluminium et verre pour immeuble r\u00e9sidentiel \u00e0 Barcelone\" data-no-lazy=\"1\" srcset=\"https:\/\/www.garciafaura.com\/wp-content\/uploads\/2019\/01\/IMG_9089.jpg 1200w, https:\/\/www.garciafaura.com\/wp-content\/uploads\/2019\/01\/IMG_9089-300x157.jpg 300w, https:\/\/www.garciafaura.com\/wp-content\/uploads\/2019\/01\/IMG_9089-768x402.jpg 768w, https:\/\/www.garciafaura.com\/wp-content\/uploads\/2019\/01\/IMG_9089-1024x536.jpg 1024w\" sizes=\"auto, (max-width: 1200px) 100vw, 1200px\" \/><\/a><\/div><div class=\"portfolio-entry-details entry-details wpex-clr\"><h2 class=\"portfolio-entry-title entry-title\"><a href=\"https:\/\/www.garciafaura.com\/fr\/portfolio-item\/immeuble-gran-balmes\/\" title=\"Immeuble Gran Balmes\">Immeuble Gran Balmes<\/a><\/h2><div class=\"portfolio-entry-categories entry-categories wpex-clr\"><a href=\"https:\/\/www.garciafaura.com\/fr\/portfolio-category\/ensembles-residentiels\/\" class=\"term-77\">Ensembles r\u00e9sidentiels<\/a><\/div><\/div><\/div><\/div><div class=\"portfolio-entry vcex-grid-item entry-has-details span_1_of_3 col col-1 vcex-isotope-entry vcex-no-margin-entry post-20505 entry type-portfolio has-media cat-77 translation_priority-5\"><div class=\"portfolio-entry-inner entry-inner wpex-clr\"><div class=\"portfolio-entry-media entry-media wpex-clr\"><a href=\"https:\/\/www.garciafaura.com\/wp-content\/uploads\/2018\/11\/Residencial-La-Tela-Vilassar-Dalt-02.jpg\" title=\"Lotissement La Tela\" class=\"portfolio-entry-media-link wpex-lightbox-gallery\" data-gallery=\"[{&quot;src&quot;:&quot;https:\\\/\\\/www.garciafaura.com\\\/wp-content\\\/uploads\\\/2018\\\/11\\\/Residencial-La-Tela-Vilassar-Dalt-02.jpg&quot;,&quot;title&quot;:&quot;Travaux de menuiserie en aluminium pour ensemble de logements \\u00e0 Vilassar de Dalt&quot;},{&quot;src&quot;:&quot;https:\\\/\\\/www.garciafaura.com\\\/wp-content\\\/uploads\\\/2018\\\/11\\\/Residencial-La-Tela-Vilassar-Dalt-06.jpg&quot;,&quot;title&quot;:&quot;Travaux de menuiserie en aluminium pour ensemble de logements \\u00e0 Vilassar de Dalt&quot;},{&quot;src&quot;:&quot;https:\\\/\\\/www.garciafaura.com\\\/wp-content\\\/uploads\\\/2018\\\/11\\\/Residencial-La-Tela-Vilassar-Dalt-05.jpg&quot;,&quot;title&quot;:&quot;Travaux de menuiserie en aluminium pour ensemble de logements \\u00e0 Vilassar de Dalt&quot;},{&quot;src&quot;:&quot;https:\\\/\\\/www.garciafaura.com\\\/wp-content\\\/uploads\\\/2018\\\/11\\\/Residencial-La-Tela-Vilassar-Dalt-04.jpg&quot;,&quot;title&quot;:&quot;Travaux de menuiserie en aluminium pour ensemble de logements \\u00e0 Vilassar de Dalt&quot;},{&quot;src&quot;:&quot;https:\\\/\\\/www.garciafaura.com\\\/wp-content\\\/uploads\\\/2018\\\/11\\\/Residencial-La-Tela-Vilassar-Dalt-03.jpg&quot;,&quot;title&quot;:&quot;Travaux de menuiserie en aluminium pour ensemble de logements \\u00e0 Vilassar de Dalt&quot;}]\"><img loading=\"lazy\" decoding=\"async\" width=\"600\" height=\"314\" src=\"https:\/\/www.garciafaura.com\/wp-content\/uploads\/2018\/11\/Residencial-La-Tela-Vilassar-Dalt-02.jpg\" class=\"portfolio-entry-img skip-lazy\" alt=\"Travaux de menuiserie en aluminium pour ensemble de logements \u00e0 Vilassar de Dalt\" data-no-lazy=\"1\" srcset=\"https:\/\/www.garciafaura.com\/wp-content\/uploads\/2018\/11\/Residencial-La-Tela-Vilassar-Dalt-02.jpg 600w, https:\/\/www.garciafaura.com\/wp-content\/uploads\/2018\/11\/Residencial-La-Tela-Vilassar-Dalt-02-300x157.jpg 300w\" sizes=\"auto, (max-width: 600px) 100vw, 600px\" \/><\/a><\/div><div class=\"portfolio-entry-details entry-details wpex-clr\"><h2 class=\"portfolio-entry-title entry-title\"><a href=\"https:\/\/www.garciafaura.com\/fr\/portfolio-item\/lotissement-la-tela\/\" title=\"Lotissement La Tela\">Lotissement La Tela<\/a><\/h2><div class=\"portfolio-entry-categories entry-categories wpex-clr\"><a href=\"https:\/\/www.garciafaura.com\/fr\/portfolio-category\/ensembles-residentiels\/\" class=\"term-77\">Ensembles r\u00e9sidentiels<\/a><\/div><\/div><\/div><\/div><div class=\"portfolio-entry vcex-grid-item entry-has-details span_1_of_3 col col-2 vcex-isotope-entry vcex-no-margin-entry post-20487 entry type-portfolio has-media cat-75 cat-77 translation_priority-5\"><div class=\"portfolio-entry-inner entry-inner wpex-clr\"><div class=\"portfolio-entry-media entry-media wpex-clr\"><a href=\"https:\/\/www.garciafaura.com\/wp-content\/uploads\/2018\/11\/Promocio\u0301-Andrea-Doria-01.jpg\" title=\"Promotion Andrea Doria\" class=\"portfolio-entry-media-link wpex-lightbox-gallery\" data-gallery=\"[{&quot;src&quot;:&quot;https:\\\/\\\/www.garciafaura.com\\\/wp-content\\\/uploads\\\/2018\\\/11\\\/Promocio\\u0301-Andrea-Doria-01.jpg&quot;,&quot;title&quot;:&quot;Fermetures pour 30 logements, locaux et cr\\u00e8che La Barceloneta, \\u00e0 Barcelone&quot;},{&quot;src&quot;:&quot;https:\\\/\\\/www.garciafaura.com\\\/wp-content\\\/uploads\\\/2018\\\/11\\\/Promocio\\u0301-Andrea-Doria-12.jpg&quot;,&quot;title&quot;:&quot;Fermetures pour 30 logements, locaux et cr\\u00e8che La Barceloneta, \\u00e0 Barcelone&quot;},{&quot;src&quot;:&quot;https:\\\/\\\/www.garciafaura.com\\\/wp-content\\\/uploads\\\/2018\\\/11\\\/Promocio\\u0301-Andrea-Doria-11.jpg&quot;,&quot;title&quot;:&quot;Fermetures pour 30 logements, locaux et cr\\u00e8che La Barceloneta, \\u00e0 Barcelone&quot;},{&quot;src&quot;:&quot;https:\\\/\\\/www.garciafaura.com\\\/wp-content\\\/uploads\\\/2018\\\/11\\\/Promocio\\u0301-Andrea-Doria-10.jpg&quot;,&quot;title&quot;:&quot;Fermetures pour 30 logements, locaux et cr\\u00e8che La Barceloneta, \\u00e0 Barcelone&quot;},{&quot;src&quot;:&quot;https:\\\/\\\/www.garciafaura.com\\\/wp-content\\\/uploads\\\/2018\\\/11\\\/Promocio\\u0301-Andrea-Doria-09.jpg&quot;,&quot;title&quot;:&quot;Fermetures pour 30 logements, locaux et cr\\u00e8che La Barceloneta, \\u00e0 Barcelone&quot;},{&quot;src&quot;:&quot;https:\\\/\\\/www.garciafaura.com\\\/wp-content\\\/uploads\\\/2018\\\/11\\\/Promocio\\u0301-Andrea-Doria-08.jpg&quot;,&quot;title&quot;:&quot;Fermetures pour 30 logements, locaux et cr\\u00e8che La Barceloneta, \\u00e0 Barcelone&quot;},{&quot;src&quot;:&quot;https:\\\/\\\/www.garciafaura.com\\\/wp-content\\\/uploads\\\/2018\\\/11\\\/Promocio\\u0301-Andrea-Doria-07.jpg&quot;,&quot;title&quot;:&quot;Fermetures pour 30 logements, locaux et cr\\u00e8che La Barceloneta, \\u00e0 Barcelone&quot;},{&quot;src&quot;:&quot;https:\\\/\\\/www.garciafaura.com\\\/wp-content\\\/uploads\\\/2018\\\/11\\\/Promocio\\u0301-Andrea-Doria-06.jpg&quot;,&quot;title&quot;:&quot;Fermetures pour 30 logements, locaux et cr\\u00e8che La Barceloneta, \\u00e0 Barcelone&quot;},{&quot;src&quot;:&quot;https:\\\/\\\/www.garciafaura.com\\\/wp-content\\\/uploads\\\/2018\\\/11\\\/Promocio\\u0301-Andrea-Doria-05.jpg&quot;,&quot;title&quot;:&quot;Fermetures pour 30 logements, locaux et cr\\u00e8che La Barceloneta, \\u00e0 Barcelone&quot;},{&quot;src&quot;:&quot;https:\\\/\\\/www.garciafaura.com\\\/wp-content\\\/uploads\\\/2018\\\/11\\\/Promocio\\u0301-Andrea-Doria-04.jpg&quot;,&quot;title&quot;:&quot;Fermetures pour 30 logements, locaux et cr\\u00e8che La Barceloneta, \\u00e0 Barcelone&quot;},{&quot;src&quot;:&quot;https:\\\/\\\/www.garciafaura.com\\\/wp-content\\\/uploads\\\/2018\\\/11\\\/Promocio\\u0301-Andrea-Doria-03.jpg&quot;,&quot;title&quot;:&quot;Fermetures pour 30 logements, locaux et cr\\u00e8che La Barceloneta, \\u00e0 Barcelone&quot;},{&quot;src&quot;:&quot;https:\\\/\\\/www.garciafaura.com\\\/wp-content\\\/uploads\\\/2018\\\/11\\\/Promocio\\u0301-Andrea-Doria-02.jpg&quot;,&quot;title&quot;:&quot;Fermetures pour 30 logements, locaux et cr\\u00e8che La Barceloneta, \\u00e0 Barcelone&quot;}]\"><img loading=\"lazy\" decoding=\"async\" width=\"1200\" height=\"628\" src=\"https:\/\/www.garciafaura.com\/wp-content\/uploads\/2018\/11\/Promocio\u0301-Andrea-Doria-01.jpg\" class=\"portfolio-entry-img skip-lazy\" alt=\"Fermetures pour 30 logements, locaux et cr\u00e8che La Barceloneta, \u00e0 Barcelone\" data-no-lazy=\"1\" srcset=\"https:\/\/www.garciafaura.com\/wp-content\/uploads\/2018\/11\/Promocio\u0301-Andrea-Doria-01.jpg 1200w, https:\/\/www.garciafaura.com\/wp-content\/uploads\/2018\/11\/Promocio\u0301-Andrea-Doria-01-300x157.jpg 300w, https:\/\/www.garciafaura.com\/wp-content\/uploads\/2018\/11\/Promocio\u0301-Andrea-Doria-01-768x402.jpg 768w, https:\/\/www.garciafaura.com\/wp-content\/uploads\/2018\/11\/Promocio\u0301-Andrea-Doria-01-1024x536.jpg 1024w, https:\/\/www.garciafaura.com\/wp-content\/uploads\/2018\/11\/Promocio\u0301-Andrea-Doria-01-600x314.jpg 600w\" sizes=\"auto, (max-width: 1200px) 100vw, 1200px\" \/><\/a><\/div><div class=\"portfolio-entry-details entry-details wpex-clr\"><h2 class=\"portfolio-entry-title entry-title\"><a href=\"https:\/\/www.garciafaura.com\/fr\/portfolio-item\/promotion-andrea-doria\/\" title=\"Promotion Andrea Doria\">Promotion Andrea Doria<\/a><\/h2><div class=\"portfolio-entry-categories entry-categories wpex-clr\"><a href=\"https:\/\/www.garciafaura.com\/fr\/portfolio-category\/batiments-de-services\/\" class=\"term-75\">B\u00e2timents de Services<\/a><\/div><\/div><\/div><\/div><div class=\"portfolio-entry vcex-grid-item entry-has-details span_1_of_3 col col-3 vcex-isotope-entry vcex-no-margin-entry post-20484 entry type-portfolio has-media cat-77 cat-91 translation_priority-5\"><div class=\"portfolio-entry-inner entry-inner wpex-clr\"><div class=\"portfolio-entry-media entry-media wpex-clr\"><a href=\"https:\/\/www.garciafaura.com\/wp-content\/uploads\/2018\/11\/Promocio\u0301-Badalona-Port-01.jpg\" title=\"Promotion Badalona Port\" class=\"portfolio-entry-media-link wpex-lightbox-gallery\" data-gallery=\"[{&quot;src&quot;:&quot;https:\\\/\\\/www.garciafaura.com\\\/wp-content\\\/uploads\\\/2018\\\/11\\\/Promocio\\u0301-Badalona-Port-01.jpg&quot;,&quot;title&quot;:&quot;750 fermetures en aluminium pour nouvelle promotion \\u00e0 Badalona&quot;},{&quot;src&quot;:&quot;https:\\\/\\\/www.garciafaura.com\\\/wp-content\\\/uploads\\\/2018\\\/11\\\/Promocio\\u0301-Badalona-Port-17.jpg&quot;,&quot;title&quot;:&quot;750 fermetures en aluminium pour nouvelle promotion \\u00e0 Badalona&quot;},{&quot;src&quot;:&quot;https:\\\/\\\/www.garciafaura.com\\\/wp-content\\\/uploads\\\/2018\\\/11\\\/Promocio\\u0301-Badalona-Port-16.jpg&quot;,&quot;title&quot;:&quot;750 fermetures en aluminium pour nouvelle promotion \\u00e0 Badalona&quot;},{&quot;src&quot;:&quot;https:\\\/\\\/www.garciafaura.com\\\/wp-content\\\/uploads\\\/2018\\\/11\\\/Promocio\\u0301-Badalona-Port-15.jpg&quot;,&quot;title&quot;:&quot;750 fermetures en aluminium pour nouvelle promotion \\u00e0 Badalona&quot;},{&quot;src&quot;:&quot;https:\\\/\\\/www.garciafaura.com\\\/wp-content\\\/uploads\\\/2018\\\/11\\\/Promocio\\u0301-Badalona-Port-14.jpg&quot;,&quot;title&quot;:&quot;750 fermetures en aluminium pour nouvelle promotion \\u00e0 Badalona&quot;},{&quot;src&quot;:&quot;https:\\\/\\\/www.garciafaura.com\\\/wp-content\\\/uploads\\\/2018\\\/11\\\/Promocio\\u0301-Badalona-Port-13.jpg&quot;,&quot;title&quot;:&quot;750 fermetures en aluminium pour nouvelle promotion \\u00e0 Badalona&quot;},{&quot;src&quot;:&quot;https:\\\/\\\/www.garciafaura.com\\\/wp-content\\\/uploads\\\/2018\\\/11\\\/Promocio\\u0301-Badalona-Port-12.jpg&quot;,&quot;title&quot;:&quot;750 fermetures en aluminium pour nouvelle promotion \\u00e0 Badalona&quot;},{&quot;src&quot;:&quot;https:\\\/\\\/www.garciafaura.com\\\/wp-content\\\/uploads\\\/2018\\\/11\\\/Promocio\\u0301-Badalona-Port-11.jpg&quot;,&quot;title&quot;:&quot;750 fermetures en aluminium pour nouvelle promotion \\u00e0 Badalona&quot;},{&quot;src&quot;:&quot;https:\\\/\\\/www.garciafaura.com\\\/wp-content\\\/uploads\\\/2018\\\/11\\\/Promocio\\u0301-Badalona-Port-10.jpg&quot;,&quot;title&quot;:&quot;750 fermetures en aluminium pour nouvelle promotion \\u00e0 Badalona&quot;},{&quot;src&quot;:&quot;https:\\\/\\\/www.garciafaura.com\\\/wp-content\\\/uploads\\\/2018\\\/11\\\/Promocio\\u0301-Badalona-Port-09.jpg&quot;,&quot;title&quot;:&quot;750 fermetures en aluminium pour nouvelle promotion \\u00e0 Badalona&quot;},{&quot;src&quot;:&quot;https:\\\/\\\/www.garciafaura.com\\\/wp-content\\\/uploads\\\/2018\\\/11\\\/Promocio\\u0301-Badalona-Port-08.jpg&quot;,&quot;title&quot;:&quot;750 fermetures en aluminium pour nouvelle promotion \\u00e0 Badalona&quot;},{&quot;src&quot;:&quot;https:\\\/\\\/www.garciafaura.com\\\/wp-content\\\/uploads\\\/2018\\\/11\\\/Promocio\\u0301-Badalona-Port-07.jpg&quot;,&quot;title&quot;:&quot;750 fermetures en aluminium pour nouvelle promotion \\u00e0 Badalona&quot;},{&quot;src&quot;:&quot;https:\\\/\\\/www.garciafaura.com\\\/wp-content\\\/uploads\\\/2018\\\/11\\\/Promocio\\u0301-Badalona-Port-06.jpg&quot;,&quot;title&quot;:&quot;750 fermetures en aluminium pour nouvelle promotion \\u00e0 Badalona&quot;},{&quot;src&quot;:&quot;https:\\\/\\\/www.garciafaura.com\\\/wp-content\\\/uploads\\\/2018\\\/11\\\/Promocio\\u0301-Badalona-Port-05.jpg&quot;,&quot;title&quot;:&quot;750 fermetures en aluminium pour nouvelle promotion \\u00e0 Badalona&quot;},{&quot;src&quot;:&quot;https:\\\/\\\/www.garciafaura.com\\\/wp-content\\\/uploads\\\/2018\\\/11\\\/Promocio\\u0301-Badalona-Port-04.jpg&quot;,&quot;title&quot;:&quot;750 fermetures en aluminium pour nouvelle promotion \\u00e0 Badalona&quot;},{&quot;src&quot;:&quot;https:\\\/\\\/www.garciafaura.com\\\/wp-content\\\/uploads\\\/2018\\\/11\\\/Promocio\\u0301-Badalona-Port-03.jpg&quot;,&quot;title&quot;:&quot;750 fermetures en aluminium pour nouvelle promotion \\u00e0 Badalona&quot;},{&quot;src&quot;:&quot;https:\\\/\\\/www.garciafaura.com\\\/wp-content\\\/uploads\\\/2018\\\/11\\\/Promocio\\u0301-Badalona-Port-02.jpg&quot;,&quot;title&quot;:&quot;750 fermetures en aluminium pour nouvelle promotion \\u00e0 Badalona&quot;}]\"><img loading=\"lazy\" decoding=\"async\" width=\"1200\" height=\"628\" src=\"https:\/\/www.garciafaura.com\/wp-content\/uploads\/2018\/11\/Promocio\u0301-Badalona-Port-01.jpg\" class=\"portfolio-entry-img skip-lazy\" alt=\"750 fermetures en aluminium pour nouvelle promotion \u00e0 Badalona\" data-no-lazy=\"1\" srcset=\"https:\/\/www.garciafaura.com\/wp-content\/uploads\/2018\/11\/Promocio\u0301-Badalona-Port-01.jpg 1200w, https:\/\/www.garciafaura.com\/wp-content\/uploads\/2018\/11\/Promocio\u0301-Badalona-Port-01-300x157.jpg 300w, https:\/\/www.garciafaura.com\/wp-content\/uploads\/2018\/11\/Promocio\u0301-Badalona-Port-01-768x402.jpg 768w, https:\/\/www.garciafaura.com\/wp-content\/uploads\/2018\/11\/Promocio\u0301-Badalona-Port-01-1024x536.jpg 1024w\" sizes=\"auto, (max-width: 1200px) 100vw, 1200px\" \/><\/a><\/div><div class=\"portfolio-entry-details entry-details wpex-clr\"><h2 class=\"portfolio-entry-title entry-title\"><a href=\"https:\/\/www.garciafaura.com\/fr\/portfolio-item\/promotion-badalona-port\/\" title=\"Promotion Badalona Port\">Promotion Badalona Port<\/a><\/h2><div class=\"portfolio-entry-categories entry-categories wpex-clr\"><a href=\"https:\/\/www.garciafaura.com\/fr\/portfolio-category\/ensembles-residentiels\/\" class=\"term-77\">Ensembles r\u00e9sidentiels<\/a><\/div><\/div><\/div><\/div><div class=\"portfolio-entry vcex-grid-item entry-has-details span_1_of_3 col col-1 vcex-isotope-entry vcex-no-margin-entry post-20477 entry type-portfolio has-media cat-77 translation_priority-5\"><div class=\"portfolio-entry-inner entry-inner wpex-clr\"><div class=\"portfolio-entry-media entry-media wpex-clr\"><a href=\"https:\/\/www.garciafaura.com\/wp-content\/uploads\/2018\/11\/Promocio\u0301-Antonio-Machado-Viladecans-01.jpg\" title=\"Promotion Antonio Machado\" class=\"portfolio-entry-media-link wpex-lightbox-gallery\" data-gallery=\"[{&quot;src&quot;:&quot;https:\\\/\\\/www.garciafaura.com\\\/wp-content\\\/uploads\\\/2018\\\/11\\\/Promocio\\u0301-Antonio-Machado-Viladecans-01.jpg&quot;,&quot;title&quot;:&quot;Fermetures en aluminium et verre pour promotion de logements \\u00e0 Viladecans&quot;},{&quot;src&quot;:&quot;https:\\\/\\\/www.garciafaura.com\\\/wp-content\\\/uploads\\\/2018\\\/11\\\/Promocio\\u0301-Antonio-Machado-Viladecans-25.jpg&quot;,&quot;title&quot;:&quot;Fermetures en aluminium et verre pour promotion de logements \\u00e0 Viladecans&quot;},{&quot;src&quot;:&quot;https:\\\/\\\/www.garciafaura.com\\\/wp-content\\\/uploads\\\/2018\\\/11\\\/Promocio\\u0301-Antonio-Machado-Viladecans-24.jpg&quot;,&quot;title&quot;:&quot;Fermetures en aluminium et verre pour promotion de logements \\u00e0 Viladecans&quot;},{&quot;src&quot;:&quot;https:\\\/\\\/www.garciafaura.com\\\/wp-content\\\/uploads\\\/2018\\\/11\\\/Promocio\\u0301-Antonio-Machado-Viladecans-23.jpg&quot;,&quot;title&quot;:&quot;Fermetures en aluminium et verre pour promotion de logements \\u00e0 Viladecans&quot;},{&quot;src&quot;:&quot;https:\\\/\\\/www.garciafaura.com\\\/wp-content\\\/uploads\\\/2018\\\/11\\\/Promocio\\u0301-Antonio-Machado-Viladecans-22.jpg&quot;,&quot;title&quot;:&quot;Fermetures en aluminium et verre pour promotion de logements \\u00e0 Viladecans&quot;},{&quot;src&quot;:&quot;https:\\\/\\\/www.garciafaura.com\\\/wp-content\\\/uploads\\\/2018\\\/11\\\/Promocio\\u0301-Antonio-Machado-Viladecans-21.jpg&quot;,&quot;title&quot;:&quot;Fermetures en aluminium et verre pour promotion de logements \\u00e0 Viladecans&quot;},{&quot;src&quot;:&quot;https:\\\/\\\/www.garciafaura.com\\\/wp-content\\\/uploads\\\/2018\\\/11\\\/Promocio\\u0301-Antonio-Machado-Viladecans-20.jpg&quot;,&quot;title&quot;:&quot;Fermetures en aluminium et verre pour promotion de logements \\u00e0 Viladecans&quot;},{&quot;src&quot;:&quot;https:\\\/\\\/www.garciafaura.com\\\/wp-content\\\/uploads\\\/2018\\\/11\\\/Promocio\\u0301-Antonio-Machado-Viladecans-19.jpg&quot;,&quot;title&quot;:&quot;Fermetures en aluminium et verre pour promotion de logements \\u00e0 Viladecans&quot;},{&quot;src&quot;:&quot;https:\\\/\\\/www.garciafaura.com\\\/wp-content\\\/uploads\\\/2018\\\/11\\\/Promocio\\u0301-Antonio-Machado-Viladecans-18.jpg&quot;,&quot;title&quot;:&quot;Fermetures en aluminium et verre pour promotion de logements \\u00e0 Viladecans&quot;},{&quot;src&quot;:&quot;https:\\\/\\\/www.garciafaura.com\\\/wp-content\\\/uploads\\\/2018\\\/11\\\/Promocio\\u0301-Antonio-Machado-Viladecans-17.jpg&quot;,&quot;title&quot;:&quot;Fermetures en aluminium et verre pour promotion de logements \\u00e0 Viladecans&quot;},{&quot;src&quot;:&quot;https:\\\/\\\/www.garciafaura.com\\\/wp-content\\\/uploads\\\/2018\\\/11\\\/Promocio\\u0301-Antonio-Machado-Viladecans-16.jpg&quot;,&quot;title&quot;:&quot;Fermetures en aluminium et verre pour promotion de logements \\u00e0 Viladecans&quot;},{&quot;src&quot;:&quot;https:\\\/\\\/www.garciafaura.com\\\/wp-content\\\/uploads\\\/2018\\\/11\\\/Promocio\\u0301-Antonio-Machado-Viladecans-15.jpg&quot;,&quot;title&quot;:&quot;Fermetures en aluminium et verre pour promotion de logements \\u00e0 Viladecans&quot;},{&quot;src&quot;:&quot;https:\\\/\\\/www.garciafaura.com\\\/wp-content\\\/uploads\\\/2018\\\/11\\\/Promocio\\u0301-Antonio-Machado-Viladecans-14.jpg&quot;,&quot;title&quot;:&quot;Fermetures en aluminium et verre pour promotion de logements \\u00e0 Viladecans&quot;},{&quot;src&quot;:&quot;https:\\\/\\\/www.garciafaura.com\\\/wp-content\\\/uploads\\\/2018\\\/11\\\/Promocio\\u0301-Antonio-Machado-Viladecans-13.jpg&quot;,&quot;title&quot;:&quot;Fermetures en aluminium et verre pour promotion de logements \\u00e0 Viladecans&quot;},{&quot;src&quot;:&quot;https:\\\/\\\/www.garciafaura.com\\\/wp-content\\\/uploads\\\/2018\\\/11\\\/Promocio\\u0301-Antonio-Machado-Viladecans-12.jpg&quot;,&quot;title&quot;:&quot;Fermetures en aluminium et verre pour promotion de logements \\u00e0 Viladecans&quot;},{&quot;src&quot;:&quot;https:\\\/\\\/www.garciafaura.com\\\/wp-content\\\/uploads\\\/2018\\\/11\\\/Promocio\\u0301-Antonio-Machado-Viladecans-11.jpg&quot;,&quot;title&quot;:&quot;Fermetures en aluminium et verre pour promotion de logements \\u00e0 Viladecans&quot;},{&quot;src&quot;:&quot;https:\\\/\\\/www.garciafaura.com\\\/wp-content\\\/uploads\\\/2018\\\/11\\\/Promocio\\u0301-Antonio-Machado-Viladecans-10.jpg&quot;,&quot;title&quot;:&quot;Fermetures en aluminium et verre pour promotion de logements \\u00e0 Viladecans&quot;},{&quot;src&quot;:&quot;https:\\\/\\\/www.garciafaura.com\\\/wp-content\\\/uploads\\\/2018\\\/11\\\/Promocio\\u0301-Antonio-Machado-Viladecans-09.jpg&quot;,&quot;title&quot;:&quot;Fermetures en aluminium et verre pour promotion de logements \\u00e0 Viladecans&quot;},{&quot;src&quot;:&quot;https:\\\/\\\/www.garciafaura.com\\\/wp-content\\\/uploads\\\/2018\\\/11\\\/Promocio\\u0301-Antonio-Machado-Viladecans-08.jpg&quot;,&quot;title&quot;:&quot;Fermetures en aluminium et verre pour promotion de logements \\u00e0 Viladecans&quot;},{&quot;src&quot;:&quot;https:\\\/\\\/www.garciafaura.com\\\/wp-content\\\/uploads\\\/2018\\\/11\\\/Promocio\\u0301-Antonio-Machado-Viladecans-07.jpg&quot;,&quot;title&quot;:&quot;Fermetures en aluminium et verre pour promotion de logements \\u00e0 Viladecans&quot;},{&quot;src&quot;:&quot;https:\\\/\\\/www.garciafaura.com\\\/wp-content\\\/uploads\\\/2018\\\/11\\\/Promocio\\u0301-Antonio-Machado-Viladecans-06.jpg&quot;,&quot;title&quot;:&quot;Fermetures en aluminium et verre pour promotion de logements \\u00e0 Viladecans&quot;},{&quot;src&quot;:&quot;https:\\\/\\\/www.garciafaura.com\\\/wp-content\\\/uploads\\\/2018\\\/11\\\/Promocio\\u0301-Antonio-Machado-Viladecans-05.jpg&quot;,&quot;title&quot;:&quot;Fermetures en aluminium et verre pour promotion de logements \\u00e0 Viladecans&quot;},{&quot;src&quot;:&quot;https:\\\/\\\/www.garciafaura.com\\\/wp-content\\\/uploads\\\/2018\\\/11\\\/Promocio\\u0301-Antonio-Machado-Viladecans-04.jpg&quot;,&quot;title&quot;:&quot;Fermetures en aluminium et verre pour promotion de logements \\u00e0 Viladecans&quot;},{&quot;src&quot;:&quot;https:\\\/\\\/www.garciafaura.com\\\/wp-content\\\/uploads\\\/2018\\\/11\\\/Promocio\\u0301-Antonio-Machado-Viladecans-03.jpg&quot;,&quot;title&quot;:&quot;Fermetures en aluminium et verre pour promotion de logements \\u00e0 Viladecans&quot;},{&quot;src&quot;:&quot;https:\\\/\\\/www.garciafaura.com\\\/wp-content\\\/uploads\\\/2018\\\/11\\\/Promocio\\u0301-Antonio-Machado-Viladecans-02.jpg&quot;,&quot;title&quot;:&quot;Fermetures en aluminium et verre pour promotion de logements \\u00e0 Viladecans&quot;}]\"><img loading=\"lazy\" decoding=\"async\" width=\"1200\" height=\"628\" src=\"https:\/\/www.garciafaura.com\/wp-content\/uploads\/2018\/11\/Promocio\u0301-Antonio-Machado-Viladecans-01.jpg\" class=\"portfolio-entry-img skip-lazy\" alt=\"Fermetures en aluminium et verre pour promotion de logements \u00e0 Viladecans\" data-no-lazy=\"1\" srcset=\"https:\/\/www.garciafaura.com\/wp-content\/uploads\/2018\/11\/Promocio\u0301-Antonio-Machado-Viladecans-01.jpg 1200w, https:\/\/www.garciafaura.com\/wp-content\/uploads\/2018\/11\/Promocio\u0301-Antonio-Machado-Viladecans-01-300x157.jpg 300w, https:\/\/www.garciafaura.com\/wp-content\/uploads\/2018\/11\/Promocio\u0301-Antonio-Machado-Viladecans-01-768x402.jpg 768w, https:\/\/www.garciafaura.com\/wp-content\/uploads\/2018\/11\/Promocio\u0301-Antonio-Machado-Viladecans-01-1024x536.jpg 1024w\" sizes=\"auto, (max-width: 1200px) 100vw, 1200px\" \/><\/a><\/div><div class=\"portfolio-entry-details entry-details wpex-clr\"><h2 class=\"portfolio-entry-title entry-title\"><a href=\"https:\/\/www.garciafaura.com\/fr\/portfolio-item\/promotion-antonio-machado\/\" title=\"Promotion Antonio Machado\">Promotion Antonio Machado<\/a><\/h2><div class=\"portfolio-entry-categories entry-categories wpex-clr\"><a href=\"https:\/\/www.garciafaura.com\/fr\/portfolio-category\/ensembles-residentiels\/\" class=\"term-77\">Ensembles r\u00e9sidentiels<\/a><\/div><\/div><\/div><\/div><div class=\"portfolio-entry vcex-grid-item entry-has-details span_1_of_3 col col-2 vcex-isotope-entry vcex-no-margin-entry post-20471 entry type-portfolio has-media cat-77 translation_priority-5\"><div class=\"portfolio-entry-inner entry-inner wpex-clr\"><div class=\"portfolio-entry-media entry-media wpex-clr\"><a href=\"https:\/\/www.garciafaura.com\/wp-content\/uploads\/2018\/11\/Promocio\u0301-Cerdanyola-01.jpg\" title=\"Promotion Cerdanyola del Vall\u00e8s\" class=\"portfolio-entry-media-link wpex-lightbox-gallery\" data-gallery=\"[{&quot;src&quot;:&quot;https:\\\/\\\/www.garciafaura.com\\\/wp-content\\\/uploads\\\/2018\\\/11\\\/Promocio\\u0301-Cerdanyola-01.jpg&quot;,&quot;title&quot;:&quot;Fermetures en aluminium pour promotion de logements et locaux commerciaux \\u00e0 Cerdanyola del Vall\\u00e8s&quot;}]\"><img loading=\"lazy\" decoding=\"async\" width=\"600\" height=\"313\" src=\"https:\/\/www.garciafaura.com\/wp-content\/uploads\/2018\/11\/Promocio\u0301-Cerdanyola-01.jpg\" class=\"portfolio-entry-img skip-lazy\" alt=\"Fermetures en aluminium pour promotion de logements et locaux commerciaux \u00e0 Cerdanyola del Vall\u00e8s\" data-no-lazy=\"1\" srcset=\"https:\/\/www.garciafaura.com\/wp-content\/uploads\/2018\/11\/Promocio\u0301-Cerdanyola-01.jpg 600w, https:\/\/www.garciafaura.com\/wp-content\/uploads\/2018\/11\/Promocio\u0301-Cerdanyola-01-300x157.jpg 300w\" sizes=\"auto, (max-width: 600px) 100vw, 600px\" \/><\/a><\/div><div class=\"portfolio-entry-details entry-details wpex-clr\"><h2 class=\"portfolio-entry-title entry-title\"><a href=\"https:\/\/www.garciafaura.com\/fr\/portfolio-item\/promotion-cerdanyola-del-valles\/\" title=\"Promotion Cerdanyola del Vall\u00e8s\">Promotion Cerdanyola del Vall\u00e8s<\/a><\/h2><div class=\"portfolio-entry-categories entry-categories wpex-clr\"><a href=\"https:\/\/www.garciafaura.com\/fr\/portfolio-category\/ensembles-residentiels\/\" class=\"term-77\">Ensembles r\u00e9sidentiels<\/a><\/div><\/div><\/div><\/div><div class=\"portfolio-entry vcex-grid-item entry-has-details span_1_of_3 col col-3 vcex-isotope-entry vcex-no-margin-entry post-20472 entry type-portfolio has-media cat-77 translation_priority-5\"><div class=\"portfolio-entry-inner entry-inner wpex-clr\"><div class=\"portfolio-entry-media entry-media wpex-clr\"><a href=\"https:\/\/www.garciafaura.com\/wp-content\/uploads\/2018\/11\/Habitatge-Pau-Alcover-01.jpg\" title=\"Logement Pau Alcover\" class=\"portfolio-entry-media-link wpex-lightbox-gallery\" data-gallery=\"[{&quot;src&quot;:&quot;https:\\\/\\\/www.garciafaura.com\\\/wp-content\\\/uploads\\\/2018\\\/11\\\/Habitatge-Pau-Alcover-01.jpg&quot;,&quot;title&quot;:&quot;Fermetures pour logements \\u00e0 haut rendement \\u00e9nerg\\u00e9tique \\u00e0 Barcelone&quot;},{&quot;src&quot;:&quot;https:\\\/\\\/www.garciafaura.com\\\/wp-content\\\/uploads\\\/2018\\\/11\\\/Habitatge-Pau-Alcover-06.jpg&quot;,&quot;title&quot;:&quot;Fermetures pour logements \\u00e0 haut rendement \\u00e9nerg\\u00e9tique \\u00e0 Barcelone&quot;},{&quot;src&quot;:&quot;https:\\\/\\\/www.garciafaura.com\\\/wp-content\\\/uploads\\\/2018\\\/11\\\/Habitatge-Pau-Alcover-05.jpg&quot;,&quot;title&quot;:&quot;Fermetures pour logements \\u00e0 haut rendement \\u00e9nerg\\u00e9tique \\u00e0 Barcelone&quot;},{&quot;src&quot;:&quot;https:\\\/\\\/www.garciafaura.com\\\/wp-content\\\/uploads\\\/2018\\\/11\\\/Habitatge-Pau-Alcover-04.jpg&quot;,&quot;title&quot;:&quot;Fermetures pour logements \\u00e0 haut rendement \\u00e9nerg\\u00e9tique \\u00e0 Barcelone&quot;},{&quot;src&quot;:&quot;https:\\\/\\\/www.garciafaura.com\\\/wp-content\\\/uploads\\\/2018\\\/11\\\/Habitatge-Pau-Alcover-03.jpg&quot;,&quot;title&quot;:&quot;Fermetures pour logements \\u00e0 haut rendement \\u00e9nerg\\u00e9tique \\u00e0 Barcelone&quot;},{&quot;src&quot;:&quot;https:\\\/\\\/www.garciafaura.com\\\/wp-content\\\/uploads\\\/2018\\\/11\\\/Habitatge-Pau-Alcover-02.jpg&quot;,&quot;title&quot;:&quot;Fermetures pour logements \\u00e0 haut rendement \\u00e9nerg\\u00e9tique \\u00e0 Barcelone&quot;}]\"><img loading=\"lazy\" decoding=\"async\" width=\"600\" height=\"313\" src=\"https:\/\/www.garciafaura.com\/wp-content\/uploads\/2018\/11\/Habitatge-Pau-Alcover-01.jpg\" class=\"portfolio-entry-img skip-lazy\" alt=\"Fermetures pour logements \u00e0 haut rendement \u00e9nerg\u00e9tique \u00e0 Barcelone\" data-no-lazy=\"1\" srcset=\"https:\/\/www.garciafaura.com\/wp-content\/uploads\/2018\/11\/Habitatge-Pau-Alcover-01.jpg 600w, https:\/\/www.garciafaura.com\/wp-content\/uploads\/2018\/11\/Habitatge-Pau-Alcover-01-300x157.jpg 300w\" sizes=\"auto, (max-width: 600px) 100vw, 600px\" \/><\/a><\/div><div class=\"portfolio-entry-details entry-details wpex-clr\"><h2 class=\"portfolio-entry-title entry-title\"><a href=\"https:\/\/www.garciafaura.com\/fr\/portfolio-item\/logement-pau-alcover\/\" title=\"Logement Pau Alcover\">Logement Pau Alcover<\/a><\/h2><div class=\"portfolio-entry-categories entry-categories wpex-clr\"><a href=\"https:\/\/www.garciafaura.com\/fr\/portfolio-category\/ensembles-residentiels\/\" class=\"term-77\">Ensembles r\u00e9sidentiels<\/a><\/div><\/div><\/div><\/div><div class=\"portfolio-entry vcex-grid-item entry-has-details span_1_of_3 col col-1 vcex-isotope-entry vcex-no-margin-entry post-20468 entry type-portfolio has-media cat-77 translation_priority-5\"><div class=\"portfolio-entry-inner entry-inner wpex-clr\"><div class=\"portfolio-entry-media entry-media wpex-clr\"><a href=\"https:\/\/www.garciafaura.com\/wp-content\/uploads\/2018\/11\/Promocio\u0301-carrer-Lepant-01.jpg\" title=\"Promotion rue Lepant\" class=\"portfolio-entry-media-link wpex-lightbox-gallery\" data-gallery=\"[{&quot;src&quot;:&quot;https:\\\/\\\/www.garciafaura.com\\\/wp-content\\\/uploads\\\/2018\\\/11\\\/Promocio\\u0301-carrer-Lepant-01.jpg&quot;,&quot;title&quot;:&quot;Promotion de logements de haut standing dans l&#039;Eixample de Barcelone&quot;},{&quot;src&quot;:&quot;https:\\\/\\\/www.garciafaura.com\\\/wp-content\\\/uploads\\\/2018\\\/11\\\/Promocio\\u0301-carrer-Lepant-13.jpg&quot;,&quot;title&quot;:&quot;Promotion de logements de haut standing dans l&#039;Eixample de Barcelone&quot;},{&quot;src&quot;:&quot;https:\\\/\\\/www.garciafaura.com\\\/wp-content\\\/uploads\\\/2018\\\/11\\\/Promocio\\u0301-carrer-Lepant-12.jpg&quot;,&quot;title&quot;:&quot;Promotion de logements de haut standing dans l&#039;Eixample de Barcelone&quot;},{&quot;src&quot;:&quot;https:\\\/\\\/www.garciafaura.com\\\/wp-content\\\/uploads\\\/2018\\\/11\\\/Promocio\\u0301-carrer-Lepant-11.jpg&quot;,&quot;title&quot;:&quot;Promotion de logements de haut standing dans l&#039;Eixample de Barcelone&quot;},{&quot;src&quot;:&quot;https:\\\/\\\/www.garciafaura.com\\\/wp-content\\\/uploads\\\/2018\\\/11\\\/Promocio\\u0301-carrer-Lepant-10.jpg&quot;,&quot;title&quot;:&quot;Promotion de logements de haut standing dans l&#039;Eixample de Barcelone&quot;},{&quot;src&quot;:&quot;https:\\\/\\\/www.garciafaura.com\\\/wp-content\\\/uploads\\\/2018\\\/11\\\/Promocio\\u0301-carrer-Lepant-09.jpg&quot;,&quot;title&quot;:&quot;Promotion de logements de haut standing dans l&#039;Eixample de Barcelone&quot;},{&quot;src&quot;:&quot;https:\\\/\\\/www.garciafaura.com\\\/wp-content\\\/uploads\\\/2018\\\/11\\\/Promocio\\u0301-carrer-Lepant-08.jpg&quot;,&quot;title&quot;:&quot;Promotion de logements de haut standing dans l&#039;Eixample de Barcelone&quot;},{&quot;src&quot;:&quot;https:\\\/\\\/www.garciafaura.com\\\/wp-content\\\/uploads\\\/2018\\\/11\\\/Promocio\\u0301-carrer-Lepant-07.jpg&quot;,&quot;title&quot;:&quot;Promotion de logements de haut standing dans l&#039;Eixample de Barcelone&quot;},{&quot;src&quot;:&quot;https:\\\/\\\/www.garciafaura.com\\\/wp-content\\\/uploads\\\/2018\\\/11\\\/Promocio\\u0301-carrer-Lepant-06.jpg&quot;,&quot;title&quot;:&quot;Promotion de logements de haut standing dans l&#039;Eixample de Barcelone&quot;},{&quot;src&quot;:&quot;https:\\\/\\\/www.garciafaura.com\\\/wp-content\\\/uploads\\\/2018\\\/11\\\/Promocio\\u0301-carrer-Lepant-05.jpg&quot;,&quot;title&quot;:&quot;Promotion de logements de haut standing dans l&#039;Eixample de Barcelone&quot;},{&quot;src&quot;:&quot;https:\\\/\\\/www.garciafaura.com\\\/wp-content\\\/uploads\\\/2018\\\/11\\\/Promocio\\u0301-carrer-Lepant-04.jpg&quot;,&quot;title&quot;:&quot;Promotion de logements de haut standing dans l&#039;Eixample de Barcelone&quot;},{&quot;src&quot;:&quot;https:\\\/\\\/www.garciafaura.com\\\/wp-content\\\/uploads\\\/2018\\\/11\\\/Promocio\\u0301-carrer-Lepant-03.jpg&quot;,&quot;title&quot;:&quot;Promotion de logements de haut standing dans l&#039;Eixample de Barcelone&quot;},{&quot;src&quot;:&quot;https:\\\/\\\/www.garciafaura.com\\\/wp-content\\\/uploads\\\/2018\\\/11\\\/Promocio\\u0301-carrer-Lepant-02.jpg&quot;,&quot;title&quot;:&quot;Promotion de logements de haut standing dans l&#039;Eixample de Barcelone&quot;}]\"><img loading=\"lazy\" decoding=\"async\" width=\"1200\" height=\"628\" src=\"https:\/\/www.garciafaura.com\/wp-content\/uploads\/2018\/11\/Promocio\u0301-carrer-Lepant-01.jpg\" class=\"portfolio-entry-img skip-lazy\" alt=\"Promotion de logements de haut standing dans l&#039;Eixample de Barcelone\" data-no-lazy=\"1\" srcset=\"https:\/\/www.garciafaura.com\/wp-content\/uploads\/2018\/11\/Promocio\u0301-carrer-Lepant-01.jpg 1200w, https:\/\/www.garciafaura.com\/wp-content\/uploads\/2018\/11\/Promocio\u0301-carrer-Lepant-01-300x157.jpg 300w, https:\/\/www.garciafaura.com\/wp-content\/uploads\/2018\/11\/Promocio\u0301-carrer-Lepant-01-768x402.jpg 768w, https:\/\/www.garciafaura.com\/wp-content\/uploads\/2018\/11\/Promocio\u0301-carrer-Lepant-01-1024x536.jpg 1024w\" sizes=\"auto, (max-width: 1200px) 100vw, 1200px\" \/><\/a><\/div><div class=\"portfolio-entry-details entry-details wpex-clr\"><h2 class=\"portfolio-entry-title entry-title\"><a href=\"https:\/\/www.garciafaura.com\/fr\/portfolio-item\/promotion-calle-lepant\/\" title=\"Promotion rue Lepant\">Promotion rue Lepant<\/a><\/h2><div class=\"portfolio-entry-categories entry-categories wpex-clr\"><a href=\"https:\/\/www.garciafaura.com\/fr\/portfolio-category\/ensembles-residentiels\/\" class=\"term-77\">Ensembles r\u00e9sidentiels<\/a><\/div><\/div><\/div><\/div><div class=\"portfolio-entry vcex-grid-item entry-has-details span_1_of_3 col col-2 vcex-isotope-entry vcex-no-margin-entry post-20466 entry type-portfolio has-media cat-77 translation_priority-5\"><div class=\"portfolio-entry-inner entry-inner wpex-clr\"><div class=\"portfolio-entry-media entry-media wpex-clr\"><a href=\"https:\/\/www.garciafaura.com\/wp-content\/uploads\/2018\/11\/Promocio\u0301-plac\u0327a-Constitucio\u0301-Viladecans-01.jpg\" title=\"Promotion Plaza Constituci\u00f3\" class=\"portfolio-entry-media-link wpex-lightbox-gallery\" data-gallery=\"[{&quot;src&quot;:&quot;https:\\\/\\\/www.garciafaura.com\\\/wp-content\\\/uploads\\\/2018\\\/11\\\/Promocio\\u0301-plac\\u0327a-Constitucio\\u0301-Viladecans-01.jpg&quot;,&quot;title&quot;:&quot;Fermetures en aluminium et verre pour promotion de logements \\u00e0 Viladecans&quot;},{&quot;src&quot;:&quot;https:\\\/\\\/www.garciafaura.com\\\/wp-content\\\/uploads\\\/2018\\\/10\\\/Promocio\\u0301-Constitucio\\u0301-Viladecans-01.jpg&quot;,&quot;title&quot;:&quot;Fermetures en aluminium et verre pour promotion de logements \\u00e0 Viladecans&quot;},{&quot;src&quot;:&quot;https:\\\/\\\/www.garciafaura.com\\\/wp-content\\\/uploads\\\/2018\\\/10\\\/Promocio\\u0301-Constitucio\\u0301-Viladecans-06.jpg&quot;,&quot;title&quot;:&quot;Fermetures en aluminium et verre pour promotion de logements \\u00e0 Viladecans&quot;},{&quot;src&quot;:&quot;https:\\\/\\\/www.garciafaura.com\\\/wp-content\\\/uploads\\\/2018\\\/10\\\/Promocio\\u0301-Constitucio\\u0301-Viladecans-07.jpg&quot;,&quot;title&quot;:&quot;Fermetures en aluminium et verre pour promotion de logements \\u00e0 Viladecans&quot;},{&quot;src&quot;:&quot;https:\\\/\\\/www.garciafaura.com\\\/wp-content\\\/uploads\\\/2018\\\/10\\\/Promocio\\u0301-Constitucio\\u0301-Viladecans-05.jpg&quot;,&quot;title&quot;:&quot;Fermetures en aluminium et verre pour promotion de logements \\u00e0 Viladecans&quot;},{&quot;src&quot;:&quot;https:\\\/\\\/www.garciafaura.com\\\/wp-content\\\/uploads\\\/2018\\\/10\\\/Promocio\\u0301-Constitucio\\u0301-Viladecans-04.jpg&quot;,&quot;title&quot;:&quot;Fermetures en aluminium et verre pour promotion de logements \\u00e0 Viladecans&quot;},{&quot;src&quot;:&quot;https:\\\/\\\/www.garciafaura.com\\\/wp-content\\\/uploads\\\/2018\\\/10\\\/Promocio\\u0301-Constitucio\\u0301-Viladecans-03.jpg&quot;,&quot;title&quot;:&quot;Fermetures en aluminium et verre pour promotion de logements \\u00e0 Viladecans&quot;},{&quot;src&quot;:&quot;https:\\\/\\\/www.garciafaura.com\\\/wp-content\\\/uploads\\\/2018\\\/10\\\/Promocio\\u0301-Constitucio\\u0301-Viladecans-02.jpg&quot;,&quot;title&quot;:&quot;Fermetures en aluminium et verre pour promotion de logements \\u00e0 Viladecans&quot;}]\"><img loading=\"lazy\" decoding=\"async\" width=\"600\" height=\"314\" src=\"https:\/\/www.garciafaura.com\/wp-content\/uploads\/2018\/11\/Promocio\u0301-plac\u0327a-Constitucio\u0301-Viladecans-01.jpg\" class=\"portfolio-entry-img skip-lazy\" alt=\"Fermetures en aluminium et verre pour promotion de logements \u00e0 Viladecans\" data-no-lazy=\"1\" srcset=\"https:\/\/www.garciafaura.com\/wp-content\/uploads\/2018\/11\/Promocio\u0301-plac\u0327a-Constitucio\u0301-Viladecans-01.jpg 600w, https:\/\/www.garciafaura.com\/wp-content\/uploads\/2018\/11\/Promocio\u0301-plac\u0327a-Constitucio\u0301-Viladecans-01-300x157.jpg 300w\" sizes=\"auto, (max-width: 600px) 100vw, 600px\" \/><\/a><\/div><div class=\"portfolio-entry-details entry-details wpex-clr\"><h2 class=\"portfolio-entry-title entry-title\"><a href=\"https:\/\/www.garciafaura.com\/fr\/portfolio-item\/promotion-plaza-constitucio\/\" title=\"Promotion Plaza Constituci\u00f3\">Promotion Plaza Constituci\u00f3<\/a><\/h2><div class=\"portfolio-entry-categories entry-categories wpex-clr\"><a href=\"https:\/\/www.garciafaura.com\/fr\/portfolio-category\/ensembles-residentiels\/\" class=\"term-77\">Ensembles r\u00e9sidentiels<\/a><\/div><\/div><\/div><\/div><div class=\"portfolio-entry vcex-grid-item entry-has-details span_1_of_3 col col-3 vcex-isotope-entry vcex-no-margin-entry post-20452 entry type-portfolio has-media cat-77 translation_priority-5\"><div class=\"portfolio-entry-inner entry-inner wpex-clr\"><div class=\"portfolio-entry-media entry-media wpex-clr\"><a href=\"https:\/\/www.garciafaura.com\/wp-content\/uploads\/2019\/04\/Promocio-Pere-Calders-Sant-Cugat-01.jpg\" title=\"Promotion Pere Calders Sant Cugat\" class=\"portfolio-entry-media-link wpex-lightbox-gallery\" data-gallery=\"[{&quot;src&quot;:&quot;https:\\\/\\\/www.garciafaura.com\\\/wp-content\\\/uploads\\\/2019\\\/04\\\/Promocio-Pere-Calders-Sant-Cugat-01.jpg&quot;,&quot;title&quot;:&quot;Fabricaci\\u00f3 i instal\\u00b7laci\\u00f3 de tancaments d&#039;alumini, vidrieria i xapa en bloc de promoci\\u00f3 d&#039;habitatges a Sant Cugat del Vall\\u00e8s&quot;},{&quot;src&quot;:&quot;https:\\\/\\\/www.garciafaura.com\\\/wp-content\\\/uploads\\\/2019\\\/04\\\/Promocio-Pere-Calders-Sant-Cugat-10.jpg&quot;,&quot;title&quot;:&quot;Fabricaci\\u00f3 i instal\\u00b7laci\\u00f3 de tancaments d&#039;alumini, vidrieria i xapa en bloc de promoci\\u00f3 d&#039;habitatges a Sant Cugat del Vall\\u00e8s&quot;},{&quot;src&quot;:&quot;https:\\\/\\\/www.garciafaura.com\\\/wp-content\\\/uploads\\\/2019\\\/04\\\/Promocio-Pere-Calders-Sant-Cugat-09.jpg&quot;,&quot;title&quot;:&quot;Fabricaci\\u00f3 i instal\\u00b7laci\\u00f3 de tancaments d&#039;alumini, vidrieria i xapa en bloc de promoci\\u00f3 d&#039;habitatges a Sant Cugat del Vall\\u00e8s&quot;},{&quot;src&quot;:&quot;https:\\\/\\\/www.garciafaura.com\\\/wp-content\\\/uploads\\\/2019\\\/04\\\/Promocio-Pere-Calders-Sant-Cugat-08.jpg&quot;,&quot;title&quot;:&quot;Fabricaci\\u00f3 i instal\\u00b7laci\\u00f3 de tancaments d&#039;alumini, vidrieria i xapa en bloc de promoci\\u00f3 d&#039;habitatges a Sant Cugat del Vall\\u00e8s&quot;},{&quot;src&quot;:&quot;https:\\\/\\\/www.garciafaura.com\\\/wp-content\\\/uploads\\\/2019\\\/04\\\/Promocio-Pere-Calders-Sant-Cugat-07.jpg&quot;,&quot;title&quot;:&quot;Fabricaci\\u00f3 i instal\\u00b7laci\\u00f3 de tancaments d&#039;alumini, vidrieria i xapa en bloc de promoci\\u00f3 d&#039;habitatges a Sant Cugat del Vall\\u00e8s&quot;},{&quot;src&quot;:&quot;https:\\\/\\\/www.garciafaura.com\\\/wp-content\\\/uploads\\\/2019\\\/04\\\/Promocio-Pere-Calders-Sant-Cugat-06.jpg&quot;,&quot;title&quot;:&quot;Fabricaci\\u00f3 i instal\\u00b7laci\\u00f3 de tancaments d&#039;alumini, vidrieria i xapa en bloc de promoci\\u00f3 d&#039;habitatges a Sant Cugat del Vall\\u00e8s&quot;},{&quot;src&quot;:&quot;https:\\\/\\\/www.garciafaura.com\\\/wp-content\\\/uploads\\\/2019\\\/04\\\/Promocio-Pere-Calders-Sant-Cugat-05.jpg&quot;,&quot;title&quot;:&quot;Fabricaci\\u00f3 i instal\\u00b7laci\\u00f3 de tancaments d&#039;alumini, vidrieria i xapa en bloc de promoci\\u00f3 d&#039;habitatges a Sant Cugat del Vall\\u00e8s&quot;},{&quot;src&quot;:&quot;https:\\\/\\\/www.garciafaura.com\\\/wp-content\\\/uploads\\\/2019\\\/04\\\/Promocio-Pere-Calders-Sant-Cugat-04.jpg&quot;,&quot;title&quot;:&quot;Fabricaci\\u00f3 i instal\\u00b7laci\\u00f3 de tancaments d&#039;alumini, vidrieria i xapa en bloc de promoci\\u00f3 d&#039;habitatges a Sant Cugat del Vall\\u00e8s&quot;},{&quot;src&quot;:&quot;https:\\\/\\\/www.garciafaura.com\\\/wp-content\\\/uploads\\\/2019\\\/04\\\/Promocio-Pere-Calders-Sant-Cugat-03.jpg&quot;,&quot;title&quot;:&quot;Fabricaci\\u00f3 i instal\\u00b7laci\\u00f3 de tancaments d&#039;alumini, vidrieria i xapa en bloc de promoci\\u00f3 d&#039;habitatges a Sant Cugat del Vall\\u00e8s&quot;},{&quot;src&quot;:&quot;https:\\\/\\\/www.garciafaura.com\\\/wp-content\\\/uploads\\\/2019\\\/04\\\/Promocio-Pere-Calders-Sant-Cugat-02.jpg&quot;,&quot;title&quot;:&quot;Fabricaci\\u00f3 i instal\\u00b7laci\\u00f3 de tancaments d&#039;alumini, vidrieria i xapa en bloc de promoci\\u00f3 d&#039;habitatges a Sant Cugat del Vall\\u00e8s&quot;}]\"><img loading=\"lazy\" decoding=\"async\" width=\"1200\" height=\"628\" src=\"https:\/\/www.garciafaura.com\/wp-content\/uploads\/2019\/04\/Promocio-Pere-Calders-Sant-Cugat-01.jpg\" class=\"portfolio-entry-img skip-lazy\" alt=\"Fabricaci\u00f3 i instal\u00b7laci\u00f3 de tancaments d&#039;alumini, vidrieria i xapa en bloc de promoci\u00f3 d&#039;habitatges a Sant Cugat del Vall\u00e8s\" data-no-lazy=\"1\" srcset=\"https:\/\/www.garciafaura.com\/wp-content\/uploads\/2019\/04\/Promocio-Pere-Calders-Sant-Cugat-01.jpg 1200w, https:\/\/www.garciafaura.com\/wp-content\/uploads\/2019\/04\/Promocio-Pere-Calders-Sant-Cugat-01-300x157.jpg 300w, https:\/\/www.garciafaura.com\/wp-content\/uploads\/2019\/04\/Promocio-Pere-Calders-Sant-Cugat-01-768x402.jpg 768w, https:\/\/www.garciafaura.com\/wp-content\/uploads\/2019\/04\/Promocio-Pere-Calders-Sant-Cugat-01-1024x536.jpg 1024w\" sizes=\"auto, (max-width: 1200px) 100vw, 1200px\" \/><\/a><\/div><div class=\"portfolio-entry-details entry-details wpex-clr\"><h2 class=\"portfolio-entry-title entry-title\"><a href=\"https:\/\/www.garciafaura.com\/fr\/portfolio-item\/promotion-volpelleres\/\" title=\"Promotion Pere Calders Sant Cugat\">Promotion Pere Calders Sant Cugat<\/a><\/h2><div class=\"portfolio-entry-categories entry-categories wpex-clr\"><a href=\"https:\/\/www.garciafaura.com\/fr\/portfolio-category\/ensembles-residentiels\/\" class=\"term-77\">Ensembles r\u00e9sidentiels<\/a><\/div><\/div><\/div><\/div><div class=\"portfolio-entry vcex-grid-item entry-has-details span_1_of_3 col col-1 vcex-isotope-entry vcex-no-margin-entry post-20449 entry type-portfolio has-media cat-77 translation_priority-5\"><div class=\"portfolio-entry-inner entry-inner wpex-clr\"><div class=\"portfolio-entry-media entry-media wpex-clr\"><a href=\"https:\/\/www.garciafaura.com\/wp-content\/uploads\/2019\/04\/Promocio-Sancho-Avila-01.jpg\" title=\"Logements Sancho de \u00c1vila\" class=\"portfolio-entry-media-link wpex-lightbox-gallery\" data-gallery=\"[{&quot;src&quot;:&quot;https:\\\/\\\/www.garciafaura.com\\\/wp-content\\\/uploads\\\/2019\\\/04\\\/Promocio-Sancho-Avila-01.jpg&quot;,&quot;title&quot;:&quot;Travaux pour promotion de logement social \\u00e0 Barcelone&quot;},{&quot;src&quot;:&quot;https:\\\/\\\/www.garciafaura.com\\\/wp-content\\\/uploads\\\/2019\\\/04\\\/Promocio-Sancho-Avila-08.jpg&quot;,&quot;title&quot;:&quot;Travaux pour promotion de logement social \\u00e0 Barcelone&quot;},{&quot;src&quot;:&quot;https:\\\/\\\/www.garciafaura.com\\\/wp-content\\\/uploads\\\/2019\\\/04\\\/Promocio-Sancho-Avila-07.jpg&quot;,&quot;title&quot;:&quot;Travaux pour promotion de logement social \\u00e0 Barcelone&quot;},{&quot;src&quot;:&quot;https:\\\/\\\/www.garciafaura.com\\\/wp-content\\\/uploads\\\/2019\\\/04\\\/Promocio-Sancho-Avila-06.jpg&quot;,&quot;title&quot;:&quot;Travaux pour promotion de logement social \\u00e0 Barcelone&quot;},{&quot;src&quot;:&quot;https:\\\/\\\/www.garciafaura.com\\\/wp-content\\\/uploads\\\/2019\\\/04\\\/Promocio-Sancho-Avila-05.jpg&quot;,&quot;title&quot;:&quot;Travaux pour promotion de logement social \\u00e0 Barcelone&quot;},{&quot;src&quot;:&quot;https:\\\/\\\/www.garciafaura.com\\\/wp-content\\\/uploads\\\/2019\\\/04\\\/Promocio-Sancho-Avila-04.jpg&quot;,&quot;title&quot;:&quot;Travaux pour promotion de logement social \\u00e0 Barcelone&quot;},{&quot;src&quot;:&quot;https:\\\/\\\/www.garciafaura.com\\\/wp-content\\\/uploads\\\/2019\\\/04\\\/Promocio-Sancho-Avila-03.jpg&quot;,&quot;title&quot;:&quot;Travaux pour promotion de logement social \\u00e0 Barcelone&quot;},{&quot;src&quot;:&quot;https:\\\/\\\/www.garciafaura.com\\\/wp-content\\\/uploads\\\/2019\\\/04\\\/Promocio-Sancho-Avila-02.jpg&quot;,&quot;title&quot;:&quot;Travaux pour promotion de logement social \\u00e0 Barcelone&quot;}]\"><img loading=\"lazy\" decoding=\"async\" width=\"1200\" height=\"628\" src=\"https:\/\/www.garciafaura.com\/wp-content\/uploads\/2019\/04\/Promocio-Sancho-Avila-01.jpg\" class=\"portfolio-entry-img skip-lazy\" alt=\"Travaux pour promotion de logement social \u00e0 Barcelone\" data-no-lazy=\"1\" srcset=\"https:\/\/www.garciafaura.com\/wp-content\/uploads\/2019\/04\/Promocio-Sancho-Avila-01.jpg 1200w, https:\/\/www.garciafaura.com\/wp-content\/uploads\/2019\/04\/Promocio-Sancho-Avila-01-300x157.jpg 300w, https:\/\/www.garciafaura.com\/wp-content\/uploads\/2019\/04\/Promocio-Sancho-Avila-01-768x402.jpg 768w, https:\/\/www.garciafaura.com\/wp-content\/uploads\/2019\/04\/Promocio-Sancho-Avila-01-1024x536.jpg 1024w\" sizes=\"auto, (max-width: 1200px) 100vw, 1200px\" \/><\/a><\/div><div class=\"portfolio-entry-details entry-details wpex-clr\"><h2 class=\"portfolio-entry-title entry-title\"><a href=\"https:\/\/www.garciafaura.com\/fr\/portfolio-item\/logements-sancho-de-avila\/\" title=\"Logements Sancho de \u00c1vila\">Logements Sancho de \u00c1vila<\/a><\/h2><div class=\"portfolio-entry-categories entry-categories wpex-clr\"><a href=\"https:\/\/www.garciafaura.com\/fr\/portfolio-category\/ensembles-residentiels\/\" class=\"term-77\">Ensembles r\u00e9sidentiels<\/a><\/div><\/div><\/div><\/div><div class=\"portfolio-entry vcex-grid-item entry-has-details span_1_of_3 col col-2 vcex-isotope-entry vcex-no-margin-entry post-20450 entry type-portfolio has-media cat-77 translation_priority-5\"><div class=\"portfolio-entry-inner entry-inner wpex-clr\"><div class=\"portfolio-entry-media entry-media wpex-clr\"><a href=\"https:\/\/www.garciafaura.com\/wp-content\/uploads\/2019\/04\/13027-03.jpg\" title=\"Promotion Els Miralls de Sant Just\" class=\"portfolio-entry-media-link wpex-lightbox-gallery\" data-gallery=\"[{&quot;src&quot;:&quot;https:\\\/\\\/www.garciafaura.com\\\/wp-content\\\/uploads\\\/2019\\\/04\\\/13027-01.jpg&quot;,&quot;title&quot;:&quot;Tancaments d&#039;alumini i vidre d&#039;altes prestacions per a conjunt de blocs d&#039;habitatges plurifamiliars a Sant Just Desvern&quot;},{&quot;src&quot;:&quot;https:\\\/\\\/www.garciafaura.com\\\/wp-content\\\/uploads\\\/2019\\\/04\\\/13027-09.jpg&quot;,&quot;title&quot;:&quot;Tancaments d&#039;alumini i vidre d&#039;altes prestacions per a conjunt de blocs d&#039;habitatges plurifamiliars a Sant Just Desvern&quot;},{&quot;src&quot;:&quot;https:\\\/\\\/www.garciafaura.com\\\/wp-content\\\/uploads\\\/2019\\\/04\\\/13027-08.jpg&quot;,&quot;title&quot;:&quot;Tancaments d&#039;alumini i vidre d&#039;altes prestacions per a conjunt de blocs d&#039;habitatges plurifamiliars a Sant Just Desvern&quot;},{&quot;src&quot;:&quot;https:\\\/\\\/www.garciafaura.com\\\/wp-content\\\/uploads\\\/2019\\\/04\\\/13027-07.jpg&quot;,&quot;title&quot;:&quot;Tancaments d&#039;alumini i vidre d&#039;altes prestacions per a conjunt de blocs d&#039;habitatges plurifamiliars a Sant Just Desvern&quot;},{&quot;src&quot;:&quot;https:\\\/\\\/www.garciafaura.com\\\/wp-content\\\/uploads\\\/2019\\\/04\\\/13027-06.jpg&quot;,&quot;title&quot;:&quot;Tancaments d&#039;alumini i vidre d&#039;altes prestacions per a conjunt de blocs d&#039;habitatges plurifamiliars a Sant Just Desvern&quot;},{&quot;src&quot;:&quot;https:\\\/\\\/www.garciafaura.com\\\/wp-content\\\/uploads\\\/2019\\\/04\\\/13027-05.jpg&quot;,&quot;title&quot;:&quot;Tancaments d&#039;alumini i vidre d&#039;altes prestacions per a conjunt de blocs d&#039;habitatges plurifamiliars a Sant Just Desvern&quot;},{&quot;src&quot;:&quot;https:\\\/\\\/www.garciafaura.com\\\/wp-content\\\/uploads\\\/2019\\\/04\\\/13027-04.jpg&quot;,&quot;title&quot;:&quot;Tancaments d&#039;alumini i vidre d&#039;altes prestacions per a conjunt de blocs d&#039;habitatges plurifamiliars a Sant Just Desvern&quot;},{&quot;src&quot;:&quot;https:\\\/\\\/www.garciafaura.com\\\/wp-content\\\/uploads\\\/2019\\\/04\\\/13027-03.jpg&quot;,&quot;title&quot;:&quot;Tancaments d&#039;alumini i vidre d&#039;altes prestacions per a conjunt de blocs d&#039;habitatges plurifamiliars a Sant Just Desvern&quot;},{&quot;src&quot;:&quot;https:\\\/\\\/www.garciafaura.com\\\/wp-content\\\/uploads\\\/2019\\\/04\\\/13027-02.jpg&quot;,&quot;title&quot;:&quot;Tancaments d&#039;alumini i vidre d&#039;altes prestacions per a conjunt de blocs d&#039;habitatges plurifamiliars a Sant Just Desvern&quot;}]\"><img loading=\"lazy\" decoding=\"async\" width=\"1200\" height=\"628\" src=\"https:\/\/www.garciafaura.com\/wp-content\/uploads\/2019\/04\/13027-03.jpg\" class=\"portfolio-entry-img skip-lazy\" alt=\"Tancaments d&#039;alumini i vidre d&#039;altes prestacions per a conjunt de blocs d&#039;habitatges plurifamiliars a Sant Just Desvern\" data-no-lazy=\"1\" srcset=\"https:\/\/www.garciafaura.com\/wp-content\/uploads\/2019\/04\/13027-03.jpg 1200w, https:\/\/www.garciafaura.com\/wp-content\/uploads\/2019\/04\/13027-03-300x157.jpg 300w, https:\/\/www.garciafaura.com\/wp-content\/uploads\/2019\/04\/13027-03-768x402.jpg 768w, https:\/\/www.garciafaura.com\/wp-content\/uploads\/2019\/04\/13027-03-1024x536.jpg 1024w\" sizes=\"auto, (max-width: 1200px) 100vw, 1200px\" \/><\/a><\/div><div class=\"portfolio-entry-details entry-details wpex-clr\"><h2 class=\"portfolio-entry-title entry-title\"><a href=\"https:\/\/www.garciafaura.com\/fr\/portfolio-item\/promotion-sant-just-torreblanca\/\" title=\"Promotion Els Miralls de Sant Just\">Promotion Els Miralls de Sant Just<\/a><\/h2><div class=\"portfolio-entry-categories entry-categories wpex-clr\"><a href=\"https:\/\/www.garciafaura.com\/fr\/portfolio-category\/ensembles-residentiels\/\" class=\"term-77\">Ensembles r\u00e9sidentiels<\/a><\/div><\/div><\/div><\/div><div class=\"portfolio-entry vcex-grid-item entry-has-details span_1_of_3 col col-3 vcex-isotope-entry vcex-no-margin-entry post-20443 entry type-portfolio has-media cat-77 cat-91 translation_priority-5\"><div class=\"portfolio-entry-inner entry-inner wpex-clr\"><div class=\"portfolio-entry-media entry-media wpex-clr\"><a href=\"https:\/\/www.garciafaura.com\/wp-content\/uploads\/2019\/04\/12669-01.jpg\" title=\"R\u00e9sidentiel Diagonal Port\" class=\"portfolio-entry-media-link wpex-lightbox-gallery\" data-gallery=\"[{&quot;src&quot;:&quot;https:\\\/\\\/www.garciafaura.com\\\/wp-content\\\/uploads\\\/2019\\\/04\\\/12669-01.jpg&quot;,&quot;title&quot;:&quot;Fermeture\\u00a0en aluminium et verre dans le d\\u00e9veloppement r\\u00e9sidentiel haute performance \\u00e0 Barcelone&quot;},{&quot;src&quot;:&quot;https:\\\/\\\/www.garciafaura.com\\\/wp-content\\\/uploads\\\/2019\\\/04\\\/12669-08.jpg&quot;,&quot;title&quot;:&quot;Fermeture\\u00a0en aluminium et verre dans le d\\u00e9veloppement r\\u00e9sidentiel haute performance \\u00e0 Barcelone&quot;},{&quot;src&quot;:&quot;https:\\\/\\\/www.garciafaura.com\\\/wp-content\\\/uploads\\\/2019\\\/04\\\/12669-07.jpg&quot;,&quot;title&quot;:&quot;Fermeture\\u00a0en aluminium et verre dans le d\\u00e9veloppement r\\u00e9sidentiel haute performance \\u00e0 Barcelone&quot;},{&quot;src&quot;:&quot;https:\\\/\\\/www.garciafaura.com\\\/wp-content\\\/uploads\\\/2019\\\/04\\\/12669-06.jpg&quot;,&quot;title&quot;:&quot;Fermeture\\u00a0en aluminium et verre dans le d\\u00e9veloppement r\\u00e9sidentiel haute performance \\u00e0 Barcelone&quot;},{&quot;src&quot;:&quot;https:\\\/\\\/www.garciafaura.com\\\/wp-content\\\/uploads\\\/2019\\\/04\\\/12669-05.jpg&quot;,&quot;title&quot;:&quot;Fermeture\\u00a0en aluminium et verre dans le d\\u00e9veloppement r\\u00e9sidentiel haute performance \\u00e0 Barcelone&quot;},{&quot;src&quot;:&quot;https:\\\/\\\/www.garciafaura.com\\\/wp-content\\\/uploads\\\/2019\\\/04\\\/12669-04.jpg&quot;,&quot;title&quot;:&quot;Fermeture\\u00a0en aluminium et verre dans le d\\u00e9veloppement r\\u00e9sidentiel haute performance \\u00e0 Barcelone&quot;},{&quot;src&quot;:&quot;https:\\\/\\\/www.garciafaura.com\\\/wp-content\\\/uploads\\\/2019\\\/04\\\/12669-03.jpg&quot;,&quot;title&quot;:&quot;Fermeture\\u00a0en aluminium et verre dans le d\\u00e9veloppement r\\u00e9sidentiel haute performance \\u00e0 Barcelone&quot;},{&quot;src&quot;:&quot;https:\\\/\\\/www.garciafaura.com\\\/wp-content\\\/uploads\\\/2019\\\/04\\\/12669-02.jpg&quot;,&quot;title&quot;:&quot;Fermeture\\u00a0en aluminium et verre dans le d\\u00e9veloppement r\\u00e9sidentiel haute performance \\u00e0 Barcelone&quot;}]\"><img loading=\"lazy\" decoding=\"async\" width=\"1200\" height=\"628\" src=\"https:\/\/www.garciafaura.com\/wp-content\/uploads\/2019\/04\/12669-01.jpg\" class=\"portfolio-entry-img skip-lazy\" alt=\"Fermeture\u00a0en aluminium et verre dans le d\u00e9veloppement r\u00e9sidentiel haute performance \u00e0 Barcelone\" data-no-lazy=\"1\" srcset=\"https:\/\/www.garciafaura.com\/wp-content\/uploads\/2019\/04\/12669-01.jpg 1200w, https:\/\/www.garciafaura.com\/wp-content\/uploads\/2019\/04\/12669-01-300x157.jpg 300w, https:\/\/www.garciafaura.com\/wp-content\/uploads\/2019\/04\/12669-01-768x402.jpg 768w, https:\/\/www.garciafaura.com\/wp-content\/uploads\/2019\/04\/12669-01-1024x536.jpg 1024w\" sizes=\"auto, (max-width: 1200px) 100vw, 1200px\" \/><\/a><\/div><div class=\"portfolio-entry-details entry-details wpex-clr\"><h2 class=\"portfolio-entry-title entry-title\"><a href=\"https:\/\/www.garciafaura.com\/fr\/portfolio-item\/lotissement-celere\/\" title=\"R\u00e9sidentiel Diagonal Port\">R\u00e9sidentiel Diagonal Port<\/a><\/h2><div class=\"portfolio-entry-categories entry-categories wpex-clr\"><a href=\"https:\/\/www.garciafaura.com\/fr\/portfolio-category\/ensembles-residentiels\/\" class=\"term-77\">Ensembles r\u00e9sidentiels<\/a><\/div><\/div><\/div><\/div><div class=\"portfolio-entry vcex-grid-item entry-has-details span_1_of_3 col col-1 vcex-isotope-entry vcex-no-margin-entry post-20440 entry type-portfolio has-media cat-77 translation_priority-5\"><div class=\"portfolio-entry-inner entry-inner wpex-clr\"><div class=\"portfolio-entry-media entry-media wpex-clr\"><a href=\"https:\/\/www.garciafaura.com\/wp-content\/uploads\/2019\/04\/Promocio-El-Masnou-08.jpg\" title=\"Promotion El Masnou\" class=\"portfolio-entry-media-link wpex-lightbox-gallery\" data-gallery=\"[{&quot;src&quot;:&quot;https:\\\/\\\/www.garciafaura.com\\\/wp-content\\\/uploads\\\/2019\\\/04\\\/Promocio-El-Masnou-01.jpg&quot;,&quot;title&quot;:&quot;Fermetures en aluminium et verre pour cet ensemble r\\u00e9sidentiel&quot;},{&quot;src&quot;:&quot;https:\\\/\\\/www.garciafaura.com\\\/wp-content\\\/uploads\\\/2019\\\/04\\\/Promocio-El-Masnou-13.jpg&quot;,&quot;title&quot;:&quot;Fermetures en aluminium et verre pour cet ensemble r\\u00e9sidentiel&quot;},{&quot;src&quot;:&quot;https:\\\/\\\/www.garciafaura.com\\\/wp-content\\\/uploads\\\/2019\\\/04\\\/Promocio-El-Masnou-12.jpg&quot;,&quot;title&quot;:&quot;Fermetures en aluminium et verre pour cet ensemble r\\u00e9sidentiel&quot;},{&quot;src&quot;:&quot;https:\\\/\\\/www.garciafaura.com\\\/wp-content\\\/uploads\\\/2019\\\/04\\\/Promocio-El-Masnou-11.jpg&quot;,&quot;title&quot;:&quot;Fermetures en aluminium et verre pour cet ensemble r\\u00e9sidentiel&quot;},{&quot;src&quot;:&quot;https:\\\/\\\/www.garciafaura.com\\\/wp-content\\\/uploads\\\/2019\\\/04\\\/Promocio-El-Masnou-10.jpg&quot;,&quot;title&quot;:&quot;Fermetures en aluminium et verre pour cet ensemble r\\u00e9sidentiel&quot;},{&quot;src&quot;:&quot;https:\\\/\\\/www.garciafaura.com\\\/wp-content\\\/uploads\\\/2019\\\/04\\\/Promocio-El-Masnou-09.jpg&quot;,&quot;title&quot;:&quot;Fermetures en aluminium et verre pour cet ensemble r\\u00e9sidentiel&quot;},{&quot;src&quot;:&quot;https:\\\/\\\/www.garciafaura.com\\\/wp-content\\\/uploads\\\/2019\\\/04\\\/Promocio-El-Masnou-08.jpg&quot;,&quot;title&quot;:&quot;Fermetures en aluminium et verre pour cet ensemble r\\u00e9sidentiel&quot;},{&quot;src&quot;:&quot;https:\\\/\\\/www.garciafaura.com\\\/wp-content\\\/uploads\\\/2019\\\/04\\\/Promocio-El-Masnou-07.jpg&quot;,&quot;title&quot;:&quot;Fermetures en aluminium et verre pour cet ensemble r\\u00e9sidentiel&quot;},{&quot;src&quot;:&quot;https:\\\/\\\/www.garciafaura.com\\\/wp-content\\\/uploads\\\/2019\\\/04\\\/Promocio-El-Masnou-06.jpg&quot;,&quot;title&quot;:&quot;Fermetures en aluminium et verre pour cet ensemble r\\u00e9sidentiel&quot;},{&quot;src&quot;:&quot;https:\\\/\\\/www.garciafaura.com\\\/wp-content\\\/uploads\\\/2019\\\/04\\\/Promocio-El-Masnou-05.jpg&quot;,&quot;title&quot;:&quot;Fermetures en aluminium et verre pour cet ensemble r\\u00e9sidentiel&quot;},{&quot;src&quot;:&quot;https:\\\/\\\/www.garciafaura.com\\\/wp-content\\\/uploads\\\/2019\\\/04\\\/Promocio-El-Masnou-04.jpg&quot;,&quot;title&quot;:&quot;Fermetures en aluminium et verre pour cet ensemble r\\u00e9sidentiel&quot;},{&quot;src&quot;:&quot;https:\\\/\\\/www.garciafaura.com\\\/wp-content\\\/uploads\\\/2019\\\/04\\\/Promocio-El-Masnou-03.jpg&quot;,&quot;title&quot;:&quot;Fermetures en aluminium et verre pour cet ensemble r\\u00e9sidentiel&quot;},{&quot;src&quot;:&quot;https:\\\/\\\/www.garciafaura.com\\\/wp-content\\\/uploads\\\/2019\\\/04\\\/Promocio-El-Masnou-02.jpg&quot;,&quot;title&quot;:&quot;Fermetures en aluminium et verre pour cet ensemble r\\u00e9sidentiel&quot;}]\"><img loading=\"lazy\" decoding=\"async\" width=\"1200\" height=\"628\" src=\"https:\/\/www.garciafaura.com\/wp-content\/uploads\/2019\/04\/Promocio-El-Masnou-08.jpg\" class=\"portfolio-entry-img skip-lazy\" alt=\"Fermetures en aluminium et verre pour cet ensemble r\u00e9sidentiel\" data-no-lazy=\"1\" srcset=\"https:\/\/www.garciafaura.com\/wp-content\/uploads\/2019\/04\/Promocio-El-Masnou-08.jpg 1200w, https:\/\/www.garciafaura.com\/wp-content\/uploads\/2019\/04\/Promocio-El-Masnou-08-300x157.jpg 300w, https:\/\/www.garciafaura.com\/wp-content\/uploads\/2019\/04\/Promocio-El-Masnou-08-768x402.jpg 768w, https:\/\/www.garciafaura.com\/wp-content\/uploads\/2019\/04\/Promocio-El-Masnou-08-1024x536.jpg 1024w\" sizes=\"auto, (max-width: 1200px) 100vw, 1200px\" \/><\/a><\/div><div class=\"portfolio-entry-details entry-details wpex-clr\"><h2 class=\"portfolio-entry-title entry-title\"><a href=\"https:\/\/www.garciafaura.com\/fr\/portfolio-item\/promotion-el-masnou\/\" title=\"Promotion El Masnou\">Promotion El Masnou<\/a><\/h2><div class=\"portfolio-entry-categories entry-categories wpex-clr\"><a href=\"https:\/\/www.garciafaura.com\/fr\/portfolio-category\/ensembles-residentiels\/\" class=\"term-77\">Ensembles r\u00e9sidentiels<\/a><\/div><\/div><\/div><\/div><div class=\"portfolio-entry vcex-grid-item entry-has-details span_1_of_3 col col-2 vcex-isotope-entry vcex-no-margin-entry post-20439 entry type-portfolio has-media cat-77 translation_priority-5\"><div class=\"portfolio-entry-inner entry-inner wpex-clr\"><div class=\"portfolio-entry-media entry-media wpex-clr\"><a href=\"https:\/\/www.garciafaura.com\/wp-content\/uploads\/2018\/11\/Promocio\u0301-Gava\u0300-Mar-01-1.jpg\" title=\"Promotion Gav\u00e0 Mar\" class=\"portfolio-entry-media-link wpex-lightbox-gallery\" data-gallery=\"[{&quot;src&quot;:&quot;https:\\\/\\\/www.garciafaura.com\\\/wp-content\\\/uploads\\\/2018\\\/11\\\/Promocio\\u0301-Gava\\u0300-Mar-01.jpg&quot;},{&quot;src&quot;:&quot;https:\\\/\\\/www.garciafaura.com\\\/wp-content\\\/uploads\\\/2018\\\/11\\\/Promocio\\u0301-Gava\\u0300-Mar-03.jpg&quot;},{&quot;src&quot;:&quot;https:\\\/\\\/www.garciafaura.com\\\/wp-content\\\/uploads\\\/2018\\\/11\\\/Promocio\\u0301-Gava\\u0300-Mar-02.jpg&quot;}]\"><img loading=\"lazy\" decoding=\"async\" width=\"1200\" height=\"628\" src=\"https:\/\/www.garciafaura.com\/wp-content\/uploads\/2018\/11\/Promocio\u0301-Gava\u0300-Mar-01-1.jpg\" class=\"portfolio-entry-img skip-lazy\" alt=\"Fermetures int\u00e9rieures et ext\u00e9rieures pour l&#039;ensemble de logements du nouveau quartier Central Mar\" data-no-lazy=\"1\" srcset=\"https:\/\/www.garciafaura.com\/wp-content\/uploads\/2018\/11\/Promocio\u0301-Gava\u0300-Mar-01-1.jpg 1200w, https:\/\/www.garciafaura.com\/wp-content\/uploads\/2018\/11\/Promocio\u0301-Gava\u0300-Mar-01-1-300x157.jpg 300w, https:\/\/www.garciafaura.com\/wp-content\/uploads\/2018\/11\/Promocio\u0301-Gava\u0300-Mar-01-1-768x402.jpg 768w, https:\/\/www.garciafaura.com\/wp-content\/uploads\/2018\/11\/Promocio\u0301-Gava\u0300-Mar-01-1-1024x536.jpg 1024w\" sizes=\"auto, (max-width: 1200px) 100vw, 1200px\" \/><\/a><\/div><div class=\"portfolio-entry-details entry-details wpex-clr\"><h2 class=\"portfolio-entry-title entry-title\"><a href=\"https:\/\/www.garciafaura.com\/fr\/portfolio-item\/promotion-gava-mar\/\" title=\"Promotion Gav\u00e0 Mar\">Promotion Gav\u00e0 Mar<\/a><\/h2><div class=\"portfolio-entry-categories entry-categories wpex-clr\"><a href=\"https:\/\/www.garciafaura.com\/fr\/portfolio-category\/ensembles-residentiels\/\" class=\"term-77\">Ensembles r\u00e9sidentiels<\/a><\/div><\/div><\/div><\/div><div class=\"portfolio-entry vcex-grid-item entry-has-details span_1_of_3 col col-3 vcex-isotope-entry vcex-no-margin-entry post-20436 entry type-portfolio has-media cat-77 translation_priority-5\"><div class=\"portfolio-entry-inner entry-inner wpex-clr\"><div class=\"portfolio-entry-media entry-media wpex-clr\"><a href=\"https:\/\/www.garciafaura.com\/wp-content\/uploads\/2018\/12\/Promocio\u0301-Santiga-Ripollet-01.jpg\" title=\"Promotion Santiga\" class=\"portfolio-entry-media-link wpex-lightbox-gallery\" data-gallery=\"[{&quot;src&quot;:&quot;https:\\\/\\\/www.garciafaura.com\\\/wp-content\\\/uploads\\\/2018\\\/12\\\/Promocio\\u0301-Santiga-Ripollet-01.jpg&quot;,&quot;title&quot;:&quot;Fermetures en aluminium et verre pour cette promotion r\\u00e9sidentielle \\u00e0 Ripollet&quot;},{&quot;src&quot;:&quot;https:\\\/\\\/www.garciafaura.com\\\/wp-content\\\/uploads\\\/2018\\\/12\\\/Promocio\\u0301-Santiga-Ripollet-08.jpg&quot;,&quot;title&quot;:&quot;Fermetures en aluminium et verre pour cette promotion r\\u00e9sidentielle \\u00e0 Ripollet&quot;},{&quot;src&quot;:&quot;https:\\\/\\\/www.garciafaura.com\\\/wp-content\\\/uploads\\\/2018\\\/12\\\/Promocio\\u0301-Santiga-Ripollet-07.jpg&quot;,&quot;title&quot;:&quot;Fermetures en aluminium et verre pour cette promotion r\\u00e9sidentielle \\u00e0 Ripollet&quot;},{&quot;src&quot;:&quot;https:\\\/\\\/www.garciafaura.com\\\/wp-content\\\/uploads\\\/2018\\\/12\\\/Promocio\\u0301-Santiga-Ripollet-06.jpg&quot;,&quot;title&quot;:&quot;Fermetures en aluminium et verre pour cette promotion r\\u00e9sidentielle \\u00e0 Ripollet&quot;},{&quot;src&quot;:&quot;https:\\\/\\\/www.garciafaura.com\\\/wp-content\\\/uploads\\\/2018\\\/12\\\/Promocio\\u0301-Santiga-Ripollet-05.jpg&quot;,&quot;title&quot;:&quot;Fermetures en aluminium et verre pour cette promotion r\\u00e9sidentielle \\u00e0 Ripollet&quot;},{&quot;src&quot;:&quot;https:\\\/\\\/www.garciafaura.com\\\/wp-content\\\/uploads\\\/2018\\\/12\\\/Promocio\\u0301-Santiga-Ripollet-04.jpg&quot;,&quot;title&quot;:&quot;Fermetures en aluminium et verre pour cette promotion r\\u00e9sidentielle \\u00e0 Ripollet&quot;},{&quot;src&quot;:&quot;https:\\\/\\\/www.garciafaura.com\\\/wp-content\\\/uploads\\\/2018\\\/12\\\/Promocio\\u0301-Santiga-Ripollet-03.jpg&quot;,&quot;title&quot;:&quot;Fermetures en aluminium et verre pour cette promotion r\\u00e9sidentielle \\u00e0 Ripollet&quot;},{&quot;src&quot;:&quot;https:\\\/\\\/www.garciafaura.com\\\/wp-content\\\/uploads\\\/2018\\\/12\\\/Promocio\\u0301-Santiga-Ripollet-02.jpg&quot;,&quot;title&quot;:&quot;Fermetures en aluminium et verre pour cette promotion r\\u00e9sidentielle \\u00e0 Ripollet&quot;}]\"><img loading=\"lazy\" decoding=\"async\" width=\"1200\" height=\"628\" src=\"https:\/\/www.garciafaura.com\/wp-content\/uploads\/2018\/12\/Promocio\u0301-Santiga-Ripollet-01.jpg\" class=\"portfolio-entry-img skip-lazy\" alt=\"Fermetures en aluminium et verre pour cette promotion r\u00e9sidentielle \u00e0 Ripollet\" data-no-lazy=\"1\" srcset=\"https:\/\/www.garciafaura.com\/wp-content\/uploads\/2018\/12\/Promocio\u0301-Santiga-Ripollet-01.jpg 1200w, https:\/\/www.garciafaura.com\/wp-content\/uploads\/2018\/12\/Promocio\u0301-Santiga-Ripollet-01-300x157.jpg 300w, https:\/\/www.garciafaura.com\/wp-content\/uploads\/2018\/12\/Promocio\u0301-Santiga-Ripollet-01-768x402.jpg 768w, https:\/\/www.garciafaura.com\/wp-content\/uploads\/2018\/12\/Promocio\u0301-Santiga-Ripollet-01-1024x536.jpg 1024w\" sizes=\"auto, (max-width: 1200px) 100vw, 1200px\" \/><\/a><\/div><div class=\"portfolio-entry-details entry-details wpex-clr\"><h2 class=\"portfolio-entry-title entry-title\"><a href=\"https:\/\/www.garciafaura.com\/fr\/portfolio-item\/promotion-santiga\/\" title=\"Promotion Santiga\">Promotion Santiga<\/a><\/h2><div class=\"portfolio-entry-categories entry-categories wpex-clr\"><a href=\"https:\/\/www.garciafaura.com\/fr\/portfolio-category\/ensembles-residentiels\/\" class=\"term-77\">Ensembles r\u00e9sidentiels<\/a><\/div><\/div><\/div><\/div><div class=\"portfolio-entry vcex-grid-item entry-has-details span_1_of_3 col col-1 vcex-isotope-entry vcex-no-margin-entry post-20437 entry type-portfolio has-media cat-77 translation_priority-5\"><div class=\"portfolio-entry-inner entry-inner wpex-clr\"><div class=\"portfolio-entry-media entry-media wpex-clr\"><a href=\"https:\/\/www.garciafaura.com\/wp-content\/uploads\/2018\/12\/Promocio\u0301-Can-Mercader-Cornella\u0300-01.jpg\" title=\"Promotion Can Mercader\" class=\"portfolio-entry-media-link wpex-lightbox-gallery\" data-gallery=\"[{&quot;src&quot;:&quot;https:\\\/\\\/www.garciafaura.com\\\/wp-content\\\/uploads\\\/2018\\\/12\\\/Promocio\\u0301-Can-Mercader-Cornella\\u0300-01.jpg&quot;,&quot;title&quot;:&quot;Fermetures en aluminium et verre pour promotion \\u00e0 Cornell\\u00e0 de Llobregat.&quot;},{&quot;src&quot;:&quot;https:\\\/\\\/www.garciafaura.com\\\/wp-content\\\/uploads\\\/2018\\\/12\\\/Promocio\\u0301-Can-Mercader-Cornella\\u0300-09.jpg&quot;,&quot;title&quot;:&quot;Fermetures en aluminium et verre pour promotion \\u00e0 Cornell\\u00e0 de Llobregat.&quot;},{&quot;src&quot;:&quot;https:\\\/\\\/www.garciafaura.com\\\/wp-content\\\/uploads\\\/2018\\\/12\\\/Promocio\\u0301-Can-Mercader-Cornella\\u0300-08.jpg&quot;,&quot;title&quot;:&quot;Fermetures en aluminium et verre pour promotion \\u00e0 Cornell\\u00e0 de Llobregat.&quot;},{&quot;src&quot;:&quot;https:\\\/\\\/www.garciafaura.com\\\/wp-content\\\/uploads\\\/2018\\\/12\\\/Promocio\\u0301-Can-Mercader-Cornella\\u0300-07.jpg&quot;,&quot;title&quot;:&quot;Fermetures en aluminium et verre pour promotion \\u00e0 Cornell\\u00e0 de Llobregat.&quot;},{&quot;src&quot;:&quot;https:\\\/\\\/www.garciafaura.com\\\/wp-content\\\/uploads\\\/2018\\\/12\\\/Promocio\\u0301-Can-Mercader-Cornella\\u0300-06.jpg&quot;,&quot;title&quot;:&quot;Fermetures en aluminium et verre pour promotion \\u00e0 Cornell\\u00e0 de Llobregat.&quot;},{&quot;src&quot;:&quot;https:\\\/\\\/www.garciafaura.com\\\/wp-content\\\/uploads\\\/2018\\\/12\\\/Promocio\\u0301-Can-Mercader-Cornella\\u0300-05.jpg&quot;,&quot;title&quot;:&quot;Fermetures en aluminium et verre pour promotion \\u00e0 Cornell\\u00e0 de Llobregat.&quot;},{&quot;src&quot;:&quot;https:\\\/\\\/www.garciafaura.com\\\/wp-content\\\/uploads\\\/2018\\\/12\\\/Promocio\\u0301-Can-Mercader-Cornella\\u0300-04.jpg&quot;,&quot;title&quot;:&quot;Fermetures en aluminium et verre pour promotion \\u00e0 Cornell\\u00e0 de Llobregat.&quot;},{&quot;src&quot;:&quot;https:\\\/\\\/www.garciafaura.com\\\/wp-content\\\/uploads\\\/2018\\\/12\\\/Promocio\\u0301-Can-Mercader-Cornella\\u0300-03.jpg&quot;,&quot;title&quot;:&quot;Fermetures en aluminium et verre pour promotion \\u00e0 Cornell\\u00e0 de Llobregat.&quot;},{&quot;src&quot;:&quot;https:\\\/\\\/www.garciafaura.com\\\/wp-content\\\/uploads\\\/2018\\\/12\\\/Promocio\\u0301-Can-Mercader-Cornella\\u0300-02.jpg&quot;,&quot;title&quot;:&quot;Fermetures en aluminium et verre pour promotion \\u00e0 Cornell\\u00e0 de Llobregat.&quot;}]\"><img loading=\"lazy\" decoding=\"async\" width=\"1200\" height=\"628\" src=\"https:\/\/www.garciafaura.com\/wp-content\/uploads\/2018\/12\/Promocio\u0301-Can-Mercader-Cornella\u0300-01.jpg\" class=\"portfolio-entry-img skip-lazy\" alt=\"Fermetures en aluminium et verre pour promotion \u00e0 Cornell\u00e0 de Llobregat.\" data-no-lazy=\"1\" srcset=\"https:\/\/www.garciafaura.com\/wp-content\/uploads\/2018\/12\/Promocio\u0301-Can-Mercader-Cornella\u0300-01.jpg 1200w, https:\/\/www.garciafaura.com\/wp-content\/uploads\/2018\/12\/Promocio\u0301-Can-Mercader-Cornella\u0300-01-300x157.jpg 300w, https:\/\/www.garciafaura.com\/wp-content\/uploads\/2018\/12\/Promocio\u0301-Can-Mercader-Cornella\u0300-01-768x402.jpg 768w, https:\/\/www.garciafaura.com\/wp-content\/uploads\/2018\/12\/Promocio\u0301-Can-Mercader-Cornella\u0300-01-1024x536.jpg 1024w\" sizes=\"auto, (max-width: 1200px) 100vw, 1200px\" \/><\/a><\/div><div class=\"portfolio-entry-details entry-details wpex-clr\"><h2 class=\"portfolio-entry-title entry-title\"><a href=\"https:\/\/www.garciafaura.com\/fr\/portfolio-item\/promotion-can-mercader\/\" title=\"Promotion Can Mercader\">Promotion Can Mercader<\/a><\/h2><div class=\"portfolio-entry-categories entry-categories wpex-clr\"><a href=\"https:\/\/www.garciafaura.com\/fr\/portfolio-category\/ensembles-residentiels\/\" class=\"term-77\">Ensembles r\u00e9sidentiels<\/a><\/div><\/div><\/div><\/div><div class=\"portfolio-entry vcex-grid-item entry-has-details span_1_of_3 col col-2 vcex-isotope-entry vcex-no-margin-entry post-20434 entry type-portfolio has-media cat-77 translation_priority-5\"><div class=\"portfolio-entry-inner entry-inner wpex-clr\"><div class=\"portfolio-entry-media entry-media wpex-clr\"><a href=\"https:\/\/www.garciafaura.com\/wp-content\/uploads\/2018\/12\/Promocio\u0301-Lleo\u0301-Fontova-Cornella\u0300-01.jpg\" title=\"Promotion Lle\u00f3 Fontova\" class=\"portfolio-entry-media-link wpex-lightbox-gallery\" data-gallery=\"[{&quot;src&quot;:&quot;https:\\\/\\\/www.garciafaura.com\\\/wp-content\\\/uploads\\\/2018\\\/12\\\/Promocio\\u0301-Lleo\\u0301-Fontova-Cornella\\u0300-01.jpg&quot;,&quot;title&quot;:&quot;Fermetures en aluminium et verre pour promotion \\u00e0 Cornell\\u00e0 de Llobregat.&quot;},{&quot;src&quot;:&quot;https:\\\/\\\/www.garciafaura.com\\\/wp-content\\\/uploads\\\/2018\\\/12\\\/Promocio\\u0301-Lleo\\u0301-Fontova-Cornella\\u0300-09.jpg&quot;,&quot;title&quot;:&quot;Fermetures en aluminium et verre pour promotion \\u00e0 Cornell\\u00e0 de Llobregat.&quot;},{&quot;src&quot;:&quot;https:\\\/\\\/www.garciafaura.com\\\/wp-content\\\/uploads\\\/2018\\\/12\\\/Promocio\\u0301-Lleo\\u0301-Fontova-Cornella\\u0300-08.jpg&quot;,&quot;title&quot;:&quot;Fermetures en aluminium et verre pour promotion \\u00e0 Cornell\\u00e0 de Llobregat.&quot;},{&quot;src&quot;:&quot;https:\\\/\\\/www.garciafaura.com\\\/wp-content\\\/uploads\\\/2018\\\/12\\\/Promocio\\u0301-Lleo\\u0301-Fontova-Cornella\\u0300-07.jpg&quot;,&quot;title&quot;:&quot;Fermetures en aluminium et verre pour promotion \\u00e0 Cornell\\u00e0 de Llobregat.&quot;},{&quot;src&quot;:&quot;https:\\\/\\\/www.garciafaura.com\\\/wp-content\\\/uploads\\\/2018\\\/12\\\/Promocio\\u0301-Lleo\\u0301-Fontova-Cornella\\u0300-06.jpg&quot;,&quot;title&quot;:&quot;Fermetures en aluminium et verre pour promotion \\u00e0 Cornell\\u00e0 de Llobregat.&quot;},{&quot;src&quot;:&quot;https:\\\/\\\/www.garciafaura.com\\\/wp-content\\\/uploads\\\/2018\\\/12\\\/Promocio\\u0301-Lleo\\u0301-Fontova-Cornella\\u0300-05.jpg&quot;,&quot;title&quot;:&quot;Fermetures en aluminium et verre pour promotion \\u00e0 Cornell\\u00e0 de Llobregat.&quot;},{&quot;src&quot;:&quot;https:\\\/\\\/www.garciafaura.com\\\/wp-content\\\/uploads\\\/2018\\\/12\\\/Promocio\\u0301-Lleo\\u0301-Fontova-Cornella\\u0300-04.jpg&quot;,&quot;title&quot;:&quot;Fermetures en aluminium et verre pour promotion \\u00e0 Cornell\\u00e0 de Llobregat.&quot;},{&quot;src&quot;:&quot;https:\\\/\\\/www.garciafaura.com\\\/wp-content\\\/uploads\\\/2018\\\/12\\\/Promocio\\u0301-Lleo\\u0301-Fontova-Cornella\\u0300-03.jpg&quot;,&quot;title&quot;:&quot;Fermetures en aluminium et verre pour promotion \\u00e0 Cornell\\u00e0 de Llobregat.&quot;},{&quot;src&quot;:&quot;https:\\\/\\\/www.garciafaura.com\\\/wp-content\\\/uploads\\\/2018\\\/12\\\/Promocio\\u0301-Lleo\\u0301-Fontova-Cornella\\u0300-02.jpg&quot;,&quot;title&quot;:&quot;Fermetures en aluminium et verre pour promotion \\u00e0 Cornell\\u00e0 de Llobregat.&quot;}]\"><img loading=\"lazy\" decoding=\"async\" width=\"1200\" height=\"628\" src=\"https:\/\/www.garciafaura.com\/wp-content\/uploads\/2018\/12\/Promocio\u0301-Lleo\u0301-Fontova-Cornella\u0300-01.jpg\" class=\"portfolio-entry-img skip-lazy\" alt=\"Fermetures en aluminium et verre pour promotion \u00e0 Cornell\u00e0 de Llobregat.\" data-no-lazy=\"1\" srcset=\"https:\/\/www.garciafaura.com\/wp-content\/uploads\/2018\/12\/Promocio\u0301-Lleo\u0301-Fontova-Cornella\u0300-01.jpg 1200w, https:\/\/www.garciafaura.com\/wp-content\/uploads\/2018\/12\/Promocio\u0301-Lleo\u0301-Fontova-Cornella\u0300-01-300x157.jpg 300w, https:\/\/www.garciafaura.com\/wp-content\/uploads\/2018\/12\/Promocio\u0301-Lleo\u0301-Fontova-Cornella\u0300-01-768x402.jpg 768w, https:\/\/www.garciafaura.com\/wp-content\/uploads\/2018\/12\/Promocio\u0301-Lleo\u0301-Fontova-Cornella\u0300-01-1024x536.jpg 1024w\" sizes=\"auto, (max-width: 1200px) 100vw, 1200px\" \/><\/a><\/div><div class=\"portfolio-entry-details entry-details wpex-clr\"><h2 class=\"portfolio-entry-title entry-title\"><a href=\"https:\/\/www.garciafaura.com\/fr\/portfolio-item\/promotion-lleo-fontova\/\" title=\"Promotion Lle\u00f3 Fontova\">Promotion Lle\u00f3 Fontova<\/a><\/h2><div class=\"portfolio-entry-categories entry-categories wpex-clr\"><a href=\"https:\/\/www.garciafaura.com\/fr\/portfolio-category\/ensembles-residentiels\/\" class=\"term-77\">Ensembles r\u00e9sidentiels<\/a><\/div><\/div><\/div><\/div><div class=\"portfolio-entry vcex-grid-item entry-has-details span_1_of_3 col col-3 vcex-isotope-entry vcex-no-margin-entry post-20435 entry type-portfolio has-media cat-77 cat-91 translation_priority-5\"><div class=\"portfolio-entry-inner entry-inner wpex-clr\"><div class=\"portfolio-entry-media entry-media wpex-clr\"><a href=\"https:\/\/www.garciafaura.com\/wp-content\/uploads\/2018\/12\/Residencial-Torre-Europa-01.jpg\" title=\"Lotissement Torre Europa\" class=\"portfolio-entry-media-link wpex-lightbox-gallery\" data-gallery=\"[{&quot;src&quot;:&quot;https:\\\/\\\/www.garciafaura.com\\\/wp-content\\\/uploads\\\/2018\\\/12\\\/Residencial-Torre-Europa-01.jpg&quot;,&quot;title&quot;:&quot;Fermetures pour b\\u00e2timent de 90 logements \\u00e0 L&#039;Hospitalet de Llobregat&quot;},{&quot;src&quot;:&quot;https:\\\/\\\/www.garciafaura.com\\\/wp-content\\\/uploads\\\/2018\\\/12\\\/Residencial-Torre-Europa-08.jpg&quot;,&quot;title&quot;:&quot;Fermetures pour b\\u00e2timent de 90 logements \\u00e0 L&#039;Hospitalet de Llobregat&quot;},{&quot;src&quot;:&quot;https:\\\/\\\/www.garciafaura.com\\\/wp-content\\\/uploads\\\/2018\\\/12\\\/Residencial-Torre-Europa-07.jpg&quot;,&quot;title&quot;:&quot;Fermetures pour b\\u00e2timent de 90 logements \\u00e0 L&#039;Hospitalet de Llobregat per a edifici de 90 habitatges a l&#039;Hospitalet de Llobregat&quot;},{&quot;src&quot;:&quot;https:\\\/\\\/www.garciafaura.com\\\/wp-content\\\/uploads\\\/2018\\\/12\\\/Residencial-Torre-Europa-06.jpg&quot;,&quot;title&quot;:&quot;Fermetures pour b\\u00e2timent de 90 logements \\u00e0 L&#039;Hospitalet de Llobregat&quot;},{&quot;src&quot;:&quot;https:\\\/\\\/www.garciafaura.com\\\/wp-content\\\/uploads\\\/2018\\\/12\\\/Residencial-Torre-Europa-05.jpg&quot;,&quot;title&quot;:&quot;Fermetures pour b\\u00e2timent de 90 logements \\u00e0 L&#039;Hospitalet de Llobregat&quot;},{&quot;src&quot;:&quot;https:\\\/\\\/www.garciafaura.com\\\/wp-content\\\/uploads\\\/2018\\\/12\\\/Residencial-Torre-Europa-04.jpg&quot;,&quot;title&quot;:&quot;Fermetures pour b\\u00e2timent de 90 logements \\u00e0 L&#039;Hospitalet de Llobregat&quot;},{&quot;src&quot;:&quot;https:\\\/\\\/www.garciafaura.com\\\/wp-content\\\/uploads\\\/2018\\\/12\\\/Residencial-Torre-Europa-03.jpg&quot;,&quot;title&quot;:&quot;Fermetures pour b\\u00e2timent de 90 logements \\u00e0 L&#039;Hospitalet de Llobregat&quot;},{&quot;src&quot;:&quot;https:\\\/\\\/www.garciafaura.com\\\/wp-content\\\/uploads\\\/2018\\\/12\\\/Residencial-Torre-Europa-02.jpg&quot;,&quot;title&quot;:&quot;Fermetures pour b\\u00e2timent de 90 logements \\u00e0 L&#039;Hospitalet de Llobregat&quot;}]\"><img loading=\"lazy\" decoding=\"async\" width=\"1200\" height=\"628\" src=\"https:\/\/www.garciafaura.com\/wp-content\/uploads\/2018\/12\/Residencial-Torre-Europa-01.jpg\" class=\"portfolio-entry-img skip-lazy\" alt=\"Fermetures pour b\u00e2timent de 90 logements \u00e0 L&#039;Hospitalet de Llobregat\" data-no-lazy=\"1\" srcset=\"https:\/\/www.garciafaura.com\/wp-content\/uploads\/2018\/12\/Residencial-Torre-Europa-01.jpg 1200w, https:\/\/www.garciafaura.com\/wp-content\/uploads\/2018\/12\/Residencial-Torre-Europa-01-300x157.jpg 300w, https:\/\/www.garciafaura.com\/wp-content\/uploads\/2018\/12\/Residencial-Torre-Europa-01-768x402.jpg 768w, https:\/\/www.garciafaura.com\/wp-content\/uploads\/2018\/12\/Residencial-Torre-Europa-01-1024x536.jpg 1024w\" sizes=\"auto, (max-width: 1200px) 100vw, 1200px\" \/><\/a><\/div><div class=\"portfolio-entry-details entry-details wpex-clr\"><h2 class=\"portfolio-entry-title entry-title\"><a href=\"https:\/\/www.garciafaura.com\/fr\/portfolio-item\/lotissement-torre-europa\/\" title=\"Lotissement Torre Europa\">Lotissement Torre Europa<\/a><\/h2><div class=\"portfolio-entry-categories entry-categories wpex-clr\"><a href=\"https:\/\/www.garciafaura.com\/fr\/portfolio-category\/ensembles-residentiels\/\" class=\"term-77\">Ensembles r\u00e9sidentiels<\/a><\/div><\/div><\/div><\/div><div class=\"portfolio-entry vcex-grid-item entry-has-details span_1_of_3 col col-1 vcex-isotope-entry vcex-no-margin-entry post-20432 entry type-portfolio has-media cat-77 translation_priority-5\"><div class=\"portfolio-entry-inner entry-inner wpex-clr\"><div class=\"portfolio-entry-media entry-media wpex-clr\"><a href=\"https:\/\/www.garciafaura.com\/wp-content\/uploads\/2018\/12\/Habitatge-dotacional-Sant-Cugat-01.jpg\" title=\"Logement coop\u00e9ratif Sant Cugat del Vall\u00e8s\" class=\"portfolio-entry-media-link wpex-lightbox-gallery\" data-gallery=\"[{&quot;src&quot;:&quot;https:\\\/\\\/www.garciafaura.com\\\/wp-content\\\/uploads\\\/2018\\\/12\\\/Habitatge-dotacional-Sant-Cugat-01.jpg&quot;,&quot;title&quot;:&quot;Fermetures en aluminium et verre pour 39 logements&quot;},{&quot;src&quot;:&quot;https:\\\/\\\/www.garciafaura.com\\\/wp-content\\\/uploads\\\/2018\\\/12\\\/Habitatge-dotacional-Sant-Cugat-06.jpg&quot;,&quot;title&quot;:&quot;Fermetures en aluminium et verre pour 39 logements&quot;},{&quot;src&quot;:&quot;https:\\\/\\\/www.garciafaura.com\\\/wp-content\\\/uploads\\\/2018\\\/12\\\/Habitatge-dotacional-Sant-Cugat-05.jpg&quot;,&quot;title&quot;:&quot;Fermetures en aluminium et verre pour 39 logements&quot;},{&quot;src&quot;:&quot;https:\\\/\\\/www.garciafaura.com\\\/wp-content\\\/uploads\\\/2018\\\/12\\\/Habitatge-dotacional-Sant-Cugat-04.jpg&quot;,&quot;title&quot;:&quot;Fermetures en aluminium et verre pour 39 logements&quot;},{&quot;src&quot;:&quot;https:\\\/\\\/www.garciafaura.com\\\/wp-content\\\/uploads\\\/2018\\\/12\\\/Habitatge-dotacional-Sant-Cugat-03.jpg&quot;,&quot;title&quot;:&quot;Fermetures en aluminium et verre pour 39 logements&quot;},{&quot;src&quot;:&quot;https:\\\/\\\/www.garciafaura.com\\\/wp-content\\\/uploads\\\/2018\\\/12\\\/Habitatge-dotacional-Sant-Cugat-02.jpg&quot;,&quot;title&quot;:&quot;Fermetures en aluminium et verre pour 39 logements&quot;}]\"><img loading=\"lazy\" decoding=\"async\" width=\"1200\" height=\"628\" src=\"https:\/\/www.garciafaura.com\/wp-content\/uploads\/2018\/12\/Habitatge-dotacional-Sant-Cugat-01.jpg\" class=\"portfolio-entry-img skip-lazy\" alt=\"Fermetures en aluminium et verre pour 39 logements\" data-no-lazy=\"1\" srcset=\"https:\/\/www.garciafaura.com\/wp-content\/uploads\/2018\/12\/Habitatge-dotacional-Sant-Cugat-01.jpg 1200w, https:\/\/www.garciafaura.com\/wp-content\/uploads\/2018\/12\/Habitatge-dotacional-Sant-Cugat-01-300x157.jpg 300w, https:\/\/www.garciafaura.com\/wp-content\/uploads\/2018\/12\/Habitatge-dotacional-Sant-Cugat-01-768x402.jpg 768w, https:\/\/www.garciafaura.com\/wp-content\/uploads\/2018\/12\/Habitatge-dotacional-Sant-Cugat-01-1024x536.jpg 1024w\" sizes=\"auto, (max-width: 1200px) 100vw, 1200px\" \/><\/a><\/div><div class=\"portfolio-entry-details entry-details wpex-clr\"><h2 class=\"portfolio-entry-title entry-title\"><a href=\"https:\/\/www.garciafaura.com\/fr\/portfolio-item\/logement-cooperatif-sant-cugat-del-valles\/\" title=\"Logement coop\u00e9ratif Sant Cugat del Vall\u00e8s\">Logement coop\u00e9ratif Sant Cugat del Vall\u00e8s<\/a><\/h2><div class=\"portfolio-entry-categories entry-categories wpex-clr\"><a href=\"https:\/\/www.garciafaura.com\/fr\/portfolio-category\/ensembles-residentiels\/\" class=\"term-77\">Ensembles r\u00e9sidentiels<\/a><\/div><\/div><\/div><\/div><div class=\"portfolio-entry vcex-grid-item entry-has-details span_1_of_3 col col-2 vcex-isotope-entry vcex-no-margin-entry post-20433 entry type-portfolio has-media cat-77 cat-91 translation_priority-5\"><div class=\"portfolio-entry-inner entry-inner wpex-clr\"><div class=\"portfolio-entry-media entry-media wpex-clr\"><a href=\"https:\/\/www.garciafaura.com\/wp-content\/uploads\/2018\/12\/Promocio\u0301-Antoni-Agraz-Sant-Cugat-01.jpg\" title=\"Promotion Antoni Agraz\" class=\"portfolio-entry-media-link wpex-lightbox-gallery\" data-gallery=\"[{&quot;src&quot;:&quot;https:\\\/\\\/www.garciafaura.com\\\/wp-content\\\/uploads\\\/2018\\\/12\\\/Promocio\\u0301-Antoni-Agraz-Sant-Cugat-01.jpg&quot;,&quot;title&quot;:&quot;Fermetures en aluminium et verre pour promotion r\\u00e9sidentielle \\u00e0 Sant Cugat del Vall\\u00e8s&quot;},{&quot;src&quot;:&quot;https:\\\/\\\/www.garciafaura.com\\\/wp-content\\\/uploads\\\/2018\\\/12\\\/Promocio\\u0301-Antoni-Agraz-Sant-Cugat-08.jpg&quot;,&quot;title&quot;:&quot;Fermetures en aluminium et verre pour promotion r\\u00e9sidentielle \\u00e0 Sant Cugat del Vall\\u00e8s&quot;},{&quot;src&quot;:&quot;https:\\\/\\\/www.garciafaura.com\\\/wp-content\\\/uploads\\\/2018\\\/12\\\/Promocio\\u0301-Antoni-Agraz-Sant-Cugat-07.jpg&quot;,&quot;title&quot;:&quot;Fermetures en aluminium et verre pour promotion r\\u00e9sidentielle \\u00e0 Sant Cugat del Vall\\u00e8s&quot;},{&quot;src&quot;:&quot;https:\\\/\\\/www.garciafaura.com\\\/wp-content\\\/uploads\\\/2018\\\/12\\\/Promocio\\u0301-Antoni-Agraz-Sant-Cugat-06.jpg&quot;,&quot;title&quot;:&quot;Fermetures en aluminium et verre pour promotion r\\u00e9sidentielle \\u00e0 Sant Cugat del Vall\\u00e8s&quot;},{&quot;src&quot;:&quot;https:\\\/\\\/www.garciafaura.com\\\/wp-content\\\/uploads\\\/2018\\\/12\\\/Promocio\\u0301-Antoni-Agraz-Sant-Cugat-05.jpg&quot;,&quot;title&quot;:&quot;Fermetures en aluminium et verre pour promotion r\\u00e9sidentielle \\u00e0 Sant Cugat del Vall\\u00e8s&quot;},{&quot;src&quot;:&quot;https:\\\/\\\/www.garciafaura.com\\\/wp-content\\\/uploads\\\/2018\\\/12\\\/Promocio\\u0301-Antoni-Agraz-Sant-Cugat-04.jpg&quot;,&quot;title&quot;:&quot;Fermetures en aluminium et verre pour promotion r\\u00e9sidentielle \\u00e0 Sant Cugat del Vall\\u00e8s&quot;},{&quot;src&quot;:&quot;https:\\\/\\\/www.garciafaura.com\\\/wp-content\\\/uploads\\\/2018\\\/12\\\/Promocio\\u0301-Antoni-Agraz-Sant-Cugat-03.jpg&quot;,&quot;title&quot;:&quot;Fermetures en aluminium et verre pour promotion r\\u00e9sidentielle \\u00e0 Sant Cugat del Vall\\u00e8s&quot;},{&quot;src&quot;:&quot;https:\\\/\\\/www.garciafaura.com\\\/wp-content\\\/uploads\\\/2018\\\/12\\\/Promocio\\u0301-Antoni-Agraz-Sant-Cugat-02.jpg&quot;,&quot;title&quot;:&quot;Fermetures en aluminium et verre pour promotion r\\u00e9sidentielle \\u00e0 Sant Cugat del Vall\\u00e8s&quot;}]\"><img loading=\"lazy\" decoding=\"async\" width=\"1200\" height=\"628\" src=\"https:\/\/www.garciafaura.com\/wp-content\/uploads\/2018\/12\/Promocio\u0301-Antoni-Agraz-Sant-Cugat-01.jpg\" class=\"portfolio-entry-img skip-lazy\" alt=\"Fermetures en aluminium et verre pour promotion r\u00e9sidentielle \u00e0 Sant Cugat del Vall\u00e8s\" data-no-lazy=\"1\" srcset=\"https:\/\/www.garciafaura.com\/wp-content\/uploads\/2018\/12\/Promocio\u0301-Antoni-Agraz-Sant-Cugat-01.jpg 1200w, https:\/\/www.garciafaura.com\/wp-content\/uploads\/2018\/12\/Promocio\u0301-Antoni-Agraz-Sant-Cugat-01-300x157.jpg 300w, https:\/\/www.garciafaura.com\/wp-content\/uploads\/2018\/12\/Promocio\u0301-Antoni-Agraz-Sant-Cugat-01-768x402.jpg 768w, https:\/\/www.garciafaura.com\/wp-content\/uploads\/2018\/12\/Promocio\u0301-Antoni-Agraz-Sant-Cugat-01-1024x536.jpg 1024w\" sizes=\"auto, (max-width: 1200px) 100vw, 1200px\" \/><\/a><\/div><div class=\"portfolio-entry-details entry-details wpex-clr\"><h2 class=\"portfolio-entry-title entry-title\"><a href=\"https:\/\/www.garciafaura.com\/fr\/portfolio-item\/promotion-antoni-agraz\/\" title=\"Promotion Antoni Agraz\">Promotion Antoni Agraz<\/a><\/h2><div class=\"portfolio-entry-categories entry-categories wpex-clr\"><a href=\"https:\/\/www.garciafaura.com\/fr\/portfolio-category\/ensembles-residentiels\/\" class=\"term-77\">Ensembles r\u00e9sidentiels<\/a><\/div><\/div><\/div><\/div><div class=\"portfolio-entry vcex-grid-item entry-has-details span_1_of_3 col col-3 vcex-isotope-entry vcex-no-margin-entry post-20430 entry type-portfolio has-media cat-77 translation_priority-5\"><div class=\"portfolio-entry-inner entry-inner wpex-clr\"><div class=\"portfolio-entry-media entry-media wpex-clr\"><a href=\"https:\/\/www.garciafaura.com\/wp-content\/uploads\/2018\/12\/Promocio\u0301-Hospitalet-Prat-de-la-Riba-02.jpg\" title=\"Promotion Prat de la Riba L&rsquo;Hospitalet\" class=\"portfolio-entry-media-link wpex-lightbox-gallery\" data-gallery=\"[{&quot;src&quot;:&quot;https:\\\/\\\/www.garciafaura.com\\\/wp-content\\\/uploads\\\/2018\\\/12\\\/Promocio\\u0301-Hospitalet-Prat-de-la-Riba-01.jpg&quot;,&quot;title&quot;:&quot;Fermetures en aluminium et verre pour promotion r\\u00e9sidentielle \\u00e0 L&#039;Hospitalet de Llobregat.&quot;},{&quot;src&quot;:&quot;https:\\\/\\\/www.garciafaura.com\\\/wp-content\\\/uploads\\\/2018\\\/12\\\/Promocio\\u0301-Hospitalet-Prat-de-la-Riba-07.jpg&quot;,&quot;title&quot;:&quot;Fermetures en aluminium et verre pour promotion r\\u00e9sidentielle \\u00e0 L&#039;Hospitalet de Llobregat.&quot;},{&quot;src&quot;:&quot;https:\\\/\\\/www.garciafaura.com\\\/wp-content\\\/uploads\\\/2018\\\/12\\\/Promocio\\u0301-Hospitalet-Prat-de-la-Riba-06.jpg&quot;,&quot;title&quot;:&quot;Fermetures en aluminium et verre pour promotion r\\u00e9sidentielle \\u00e0 L&#039;Hospitalet de Llobregat.&quot;},{&quot;src&quot;:&quot;https:\\\/\\\/www.garciafaura.com\\\/wp-content\\\/uploads\\\/2018\\\/12\\\/Promocio\\u0301-Hospitalet-Prat-de-la-Riba-05.jpg&quot;,&quot;title&quot;:&quot;Fermetures en aluminium et verre pour promotion r\\u00e9sidentielle \\u00e0 L&#039;Hospitalet de Llobregat.&quot;},{&quot;src&quot;:&quot;https:\\\/\\\/www.garciafaura.com\\\/wp-content\\\/uploads\\\/2018\\\/12\\\/Promocio\\u0301-Hospitalet-Prat-de-la-Riba-04.jpg&quot;,&quot;title&quot;:&quot;Fermetures en aluminium et verre pour promotion r\\u00e9sidentielle \\u00e0 L&#039;Hospitalet de Llobregat.&quot;},{&quot;src&quot;:&quot;https:\\\/\\\/www.garciafaura.com\\\/wp-content\\\/uploads\\\/2018\\\/12\\\/Promocio\\u0301-Hospitalet-Prat-de-la-Riba-03.jpg&quot;,&quot;title&quot;:&quot;Tancaments d&#039;alumini i vidre per a promoci\\u00f3 residencial a l&#039;Hospitalet&quot;},{&quot;src&quot;:&quot;https:\\\/\\\/www.garciafaura.com\\\/wp-content\\\/uploads\\\/2018\\\/12\\\/Promocio\\u0301-Hospitalet-Prat-de-la-Riba-02.jpg&quot;,&quot;title&quot;:&quot;Fermetures en aluminium et verre pour promotion r\\u00e9sidentielle \\u00e0 L&#039;Hospitalet de Llobregat.&quot;}]\"><img loading=\"lazy\" decoding=\"async\" width=\"1200\" height=\"628\" src=\"https:\/\/www.garciafaura.com\/wp-content\/uploads\/2018\/12\/Promocio\u0301-Hospitalet-Prat-de-la-Riba-02.jpg\" class=\"portfolio-entry-img skip-lazy\" alt=\"Fermetures en aluminium et verre pour promotion r\u00e9sidentielle \u00e0 L&#039;Hospitalet de Llobregat.\" data-no-lazy=\"1\" srcset=\"https:\/\/www.garciafaura.com\/wp-content\/uploads\/2018\/12\/Promocio\u0301-Hospitalet-Prat-de-la-Riba-02.jpg 1200w, https:\/\/www.garciafaura.com\/wp-content\/uploads\/2018\/12\/Promocio\u0301-Hospitalet-Prat-de-la-Riba-02-300x157.jpg 300w, https:\/\/www.garciafaura.com\/wp-content\/uploads\/2018\/12\/Promocio\u0301-Hospitalet-Prat-de-la-Riba-02-768x402.jpg 768w, https:\/\/www.garciafaura.com\/wp-content\/uploads\/2018\/12\/Promocio\u0301-Hospitalet-Prat-de-la-Riba-02-1024x536.jpg 1024w\" sizes=\"auto, (max-width: 1200px) 100vw, 1200px\" \/><\/a><\/div><div class=\"portfolio-entry-details entry-details wpex-clr\"><h2 class=\"portfolio-entry-title entry-title\"><a href=\"https:\/\/www.garciafaura.com\/fr\/portfolio-item\/promotion-prat-de-la-riba-lhospitalet\/\" title=\"Promotion Prat de la Riba L&rsquo;Hospitalet\">Promotion Prat de la Riba L&rsquo;Hospitalet<\/a><\/h2><div class=\"portfolio-entry-categories entry-categories wpex-clr\"><a href=\"https:\/\/www.garciafaura.com\/fr\/portfolio-category\/ensembles-residentiels\/\" class=\"term-77\">Ensembles r\u00e9sidentiels<\/a><\/div><\/div><\/div><\/div><div class=\"portfolio-entry vcex-grid-item entry-has-details span_1_of_3 col col-1 vcex-isotope-entry vcex-no-margin-entry post-20431 entry type-portfolio has-media cat-77 translation_priority-5\"><div class=\"portfolio-entry-inner entry-inner wpex-clr\"><div class=\"portfolio-entry-media entry-media wpex-clr\"><a href=\"https:\/\/www.garciafaura.com\/wp-content\/uploads\/2018\/12\/Promocio\u0301-Sant-Feliu-Pai\u0308sos-Catalans-04.jpg\" title=\"Promotion Pa\u00efsos Catalans Sant Feliu\" class=\"portfolio-entry-media-link wpex-lightbox-gallery\" data-gallery=\"[{&quot;src&quot;:&quot;https:\\\/\\\/www.garciafaura.com\\\/wp-content\\\/uploads\\\/2018\\\/12\\\/Promocio\\u0301-Sant-Feliu-Pai\\u0308sos-Catalans-06.jpg&quot;,&quot;title&quot;:&quot;Fermetures pour 51 logements \\u00e0 Sant Feliu de Llobregat&quot;},{&quot;src&quot;:&quot;https:\\\/\\\/www.garciafaura.com\\\/wp-content\\\/uploads\\\/2018\\\/12\\\/Promocio\\u0301-Sant-Feliu-Pai\\u0308sos-Catalans-05.jpg&quot;,&quot;title&quot;:&quot;Fermetures pour 51 logements \\u00e0 Sant Feliu de Llobregat&quot;},{&quot;src&quot;:&quot;https:\\\/\\\/www.garciafaura.com\\\/wp-content\\\/uploads\\\/2018\\\/12\\\/Promocio\\u0301-Sant-Feliu-Pai\\u0308sos-Catalans-04.jpg&quot;,&quot;title&quot;:&quot;Fermetures pour 51 logements \\u00e0 Sant Feliu de Llobregat&quot;},{&quot;src&quot;:&quot;https:\\\/\\\/www.garciafaura.com\\\/wp-content\\\/uploads\\\/2018\\\/12\\\/Promocio\\u0301-Sant-Feliu-Pai\\u0308sos-Catalans-03.jpg&quot;,&quot;title&quot;:&quot;Fermetures pour 51 logements \\u00e0 Sant Feliu de Llobregat&quot;},{&quot;src&quot;:&quot;https:\\\/\\\/www.garciafaura.com\\\/wp-content\\\/uploads\\\/2018\\\/12\\\/Promocio\\u0301-Sant-Feliu-Pai\\u0308sos-Catalans-02.jpg&quot;,&quot;title&quot;:&quot;Fermetures pour 51 logements \\u00e0 Sant Feliu de Llobregat&quot;},{&quot;src&quot;:&quot;https:\\\/\\\/www.garciafaura.com\\\/wp-content\\\/uploads\\\/2018\\\/12\\\/Promocio\\u0301-Sant-Feliu-Pai\\u0308sos-Catalans-01.jpg&quot;,&quot;title&quot;:&quot;Fermetures pour 51 logements \\u00e0 Sant Feliu de Llobregat&quot;}]\"><img loading=\"lazy\" decoding=\"async\" width=\"1200\" height=\"628\" src=\"https:\/\/www.garciafaura.com\/wp-content\/uploads\/2018\/12\/Promocio\u0301-Sant-Feliu-Pai\u0308sos-Catalans-04.jpg\" class=\"portfolio-entry-img skip-lazy\" alt=\"Fermetures pour 51 logements \u00e0 Sant Feliu de Llobregat\" data-no-lazy=\"1\" srcset=\"https:\/\/www.garciafaura.com\/wp-content\/uploads\/2018\/12\/Promocio\u0301-Sant-Feliu-Pai\u0308sos-Catalans-04.jpg 1200w, https:\/\/www.garciafaura.com\/wp-content\/uploads\/2018\/12\/Promocio\u0301-Sant-Feliu-Pai\u0308sos-Catalans-04-300x157.jpg 300w, https:\/\/www.garciafaura.com\/wp-content\/uploads\/2018\/12\/Promocio\u0301-Sant-Feliu-Pai\u0308sos-Catalans-04-768x402.jpg 768w, https:\/\/www.garciafaura.com\/wp-content\/uploads\/2018\/12\/Promocio\u0301-Sant-Feliu-Pai\u0308sos-Catalans-04-1024x536.jpg 1024w\" sizes=\"auto, (max-width: 1200px) 100vw, 1200px\" \/><\/a><\/div><div class=\"portfolio-entry-details entry-details wpex-clr\"><h2 class=\"portfolio-entry-title entry-title\"><a href=\"https:\/\/www.garciafaura.com\/fr\/portfolio-item\/promotion-paisos-catalans-sant-feliu\/\" title=\"Promotion Pa\u00efsos Catalans Sant Feliu\">Promotion Pa\u00efsos Catalans Sant Feliu<\/a><\/h2><div class=\"portfolio-entry-categories entry-categories wpex-clr\"><a href=\"https:\/\/www.garciafaura.com\/fr\/portfolio-category\/ensembles-residentiels\/\" class=\"term-77\">Ensembles r\u00e9sidentiels<\/a><\/div><\/div><\/div><\/div><div class=\"portfolio-entry vcex-grid-item entry-has-details span_1_of_3 col col-2 vcex-isotope-entry vcex-no-margin-entry post-20429 entry type-portfolio has-media cat-77 translation_priority-5\"><div class=\"portfolio-entry-inner entry-inner wpex-clr\"><div class=\"portfolio-entry-media entry-media wpex-clr\"><a href=\"https:\/\/www.garciafaura.com\/wp-content\/uploads\/2018\/12\/Promocio\u0301-Cornella\u0300-Ctra-Esplugues-08.jpg\" title=\"Promotion Carretera de Esplugues\" class=\"portfolio-entry-media-link wpex-lightbox-gallery\" data-gallery=\"[{&quot;src&quot;:&quot;https:\\\/\\\/www.garciafaura.com\\\/wp-content\\\/uploads\\\/2018\\\/12\\\/Promocio\\u0301-Cornella\\u0300-Ctra-Esplugues-08.jpg&quot;,&quot;title&quot;:&quot;Fermetures en aluminium et verre pour promotion r\\u00e9sidentielle \\u00e0 Cornell\\u00e0 de Llobregat.&quot;},{&quot;src&quot;:&quot;https:\\\/\\\/www.garciafaura.com\\\/wp-content\\\/uploads\\\/2018\\\/12\\\/Promocio\\u0301-Cornella\\u0300-Ctra-Esplugues-07.jpg&quot;,&quot;title&quot;:&quot;Fermetures en aluminium et verre pour promotion r\\u00e9sidentielle \\u00e0 Cornell\\u00e0 de Llobregat.&quot;},{&quot;src&quot;:&quot;https:\\\/\\\/www.garciafaura.com\\\/wp-content\\\/uploads\\\/2018\\\/12\\\/Promocio\\u0301-Cornella\\u0300-Ctra-Esplugues-06.jpg&quot;,&quot;title&quot;:&quot;Fermetures en aluminium et verre pour promotion r\\u00e9sidentielle \\u00e0 Cornell\\u00e0 de Llobregat.&quot;},{&quot;src&quot;:&quot;https:\\\/\\\/www.garciafaura.com\\\/wp-content\\\/uploads\\\/2018\\\/12\\\/Promocio\\u0301-Cornella\\u0300-Ctra-Esplugues-05.jpg&quot;,&quot;title&quot;:&quot;Fermetures en aluminium et verre pour promotion r\\u00e9sidentielle \\u00e0 Cornell\\u00e0 de Llobregat.&quot;},{&quot;src&quot;:&quot;https:\\\/\\\/www.garciafaura.com\\\/wp-content\\\/uploads\\\/2018\\\/12\\\/Promocio\\u0301-Cornella\\u0300-Ctra-Esplugues-04.jpg&quot;,&quot;title&quot;:&quot;Fermetures en aluminium et verre pour promotion r\\u00e9sidentielle \\u00e0 Cornell\\u00e0 de Llobregat.&quot;},{&quot;src&quot;:&quot;https:\\\/\\\/www.garciafaura.com\\\/wp-content\\\/uploads\\\/2018\\\/12\\\/Promocio\\u0301-Cornella\\u0300-Ctra-Esplugues-03.jpg&quot;,&quot;title&quot;:&quot;Fermetures en aluminium et verre pour promotion r\\u00e9sidentielle \\u00e0 Cornell\\u00e0 de Llobregat.&quot;},{&quot;src&quot;:&quot;https:\\\/\\\/www.garciafaura.com\\\/wp-content\\\/uploads\\\/2018\\\/12\\\/Promocio\\u0301-Cornella\\u0300-Ctra-Esplugues-02.jpg&quot;,&quot;title&quot;:&quot;Fermetures en aluminium et verre pour promotion r\\u00e9sidentielle \\u00e0 Cornell\\u00e0 de Llobregat.&quot;},{&quot;src&quot;:&quot;https:\\\/\\\/www.garciafaura.com\\\/wp-content\\\/uploads\\\/2018\\\/12\\\/Promocio\\u0301-Cornella\\u0300-Ctra-Esplugues-01.jpg&quot;,&quot;title&quot;:&quot;Fermetures en aluminium et verre pour promotion r\\u00e9sidentielle \\u00e0 Cornell\\u00e0 de Llobregat.&quot;}]\"><img loading=\"lazy\" decoding=\"async\" width=\"1200\" height=\"628\" src=\"https:\/\/www.garciafaura.com\/wp-content\/uploads\/2018\/12\/Promocio\u0301-Cornella\u0300-Ctra-Esplugues-08.jpg\" class=\"portfolio-entry-img skip-lazy\" alt=\"Fermetures en aluminium et verre pour promotion r\u00e9sidentielle \u00e0 Cornell\u00e0 de Llobregat.\" data-no-lazy=\"1\" srcset=\"https:\/\/www.garciafaura.com\/wp-content\/uploads\/2018\/12\/Promocio\u0301-Cornella\u0300-Ctra-Esplugues-08.jpg 1200w, https:\/\/www.garciafaura.com\/wp-content\/uploads\/2018\/12\/Promocio\u0301-Cornella\u0300-Ctra-Esplugues-08-300x157.jpg 300w, https:\/\/www.garciafaura.com\/wp-content\/uploads\/2018\/12\/Promocio\u0301-Cornella\u0300-Ctra-Esplugues-08-768x402.jpg 768w, https:\/\/www.garciafaura.com\/wp-content\/uploads\/2018\/12\/Promocio\u0301-Cornella\u0300-Ctra-Esplugues-08-1024x536.jpg 1024w\" sizes=\"auto, (max-width: 1200px) 100vw, 1200px\" \/><\/a><\/div><div class=\"portfolio-entry-details entry-details wpex-clr\"><h2 class=\"portfolio-entry-title entry-title\"><a href=\"https:\/\/www.garciafaura.com\/fr\/portfolio-item\/promotion-carretera-de-esplugues\/\" title=\"Promotion Carretera de Esplugues\">Promotion Carretera de Esplugues<\/a><\/h2><div class=\"portfolio-entry-categories entry-categories wpex-clr\"><a href=\"https:\/\/www.garciafaura.com\/fr\/portfolio-category\/ensembles-residentiels\/\" class=\"term-77\">Ensembles r\u00e9sidentiels<\/a><\/div><\/div><\/div><\/div><div class=\"portfolio-entry vcex-grid-item entry-has-details span_1_of_3 col col-3 vcex-isotope-entry vcex-no-margin-entry post-20426 entry type-portfolio has-media cat-77 translation_priority-5\"><div class=\"portfolio-entry-inner entry-inner wpex-clr\"><div class=\"portfolio-entry-media entry-media wpex-clr\"><a href=\"https:\/\/www.garciafaura.com\/wp-content\/uploads\/2018\/12\/Promocio\u0301-Riera-Arenys-01.jpg\" title=\"Promotion Riera d&rsquo;Arenys de Mar\" class=\"portfolio-entry-media-link wpex-lightbox-gallery\" data-gallery=\"[{&quot;src&quot;:&quot;https:\\\/\\\/www.garciafaura.com\\\/wp-content\\\/uploads\\\/2018\\\/12\\\/Promocio\\u0301-Riera-Arenys-01.jpg&quot;,&quot;title&quot;:&quot;Fermetures pour promotion de logements \\u00e0 Arenys de Mar&quot;},{&quot;src&quot;:&quot;https:\\\/\\\/www.garciafaura.com\\\/wp-content\\\/uploads\\\/2018\\\/12\\\/Promocio\\u0301-Riera-Arenys-06.jpg&quot;,&quot;title&quot;:&quot;Fermetures pour promotion de logements \\u00e0 Arenys de Mar&quot;},{&quot;src&quot;:&quot;https:\\\/\\\/www.garciafaura.com\\\/wp-content\\\/uploads\\\/2018\\\/12\\\/Promocio\\u0301-Riera-Arenys-07.jpg&quot;,&quot;title&quot;:&quot;Fermetures pour promotion de logements \\u00e0 Arenys de Mar&quot;},{&quot;src&quot;:&quot;https:\\\/\\\/www.garciafaura.com\\\/wp-content\\\/uploads\\\/2018\\\/12\\\/Promocio\\u0301-Riera-Arenys-05.jpg&quot;,&quot;title&quot;:&quot;Fermetures pour promotion de logements \\u00e0 Arenys de Mar&quot;},{&quot;src&quot;:&quot;https:\\\/\\\/www.garciafaura.com\\\/wp-content\\\/uploads\\\/2018\\\/12\\\/Promocio\\u0301-Riera-Arenys-04.jpg&quot;,&quot;title&quot;:&quot;Fermetures pour promotion de logements \\u00e0 Arenys de Mar&quot;},{&quot;src&quot;:&quot;https:\\\/\\\/www.garciafaura.com\\\/wp-content\\\/uploads\\\/2018\\\/12\\\/Promocio\\u0301-Riera-Arenys-03.jpg&quot;,&quot;title&quot;:&quot;Fermetures pour promotion de logements \\u00e0 Arenys de Mar&quot;},{&quot;src&quot;:&quot;https:\\\/\\\/www.garciafaura.com\\\/wp-content\\\/uploads\\\/2018\\\/12\\\/Promocio\\u0301-Riera-Arenys-02.jpg&quot;,&quot;title&quot;:&quot;Fermetures pour promotion de logements \\u00e0 Arenys de Mar&quot;}]\"><img loading=\"lazy\" decoding=\"async\" width=\"1200\" height=\"628\" src=\"https:\/\/www.garciafaura.com\/wp-content\/uploads\/2018\/12\/Promocio\u0301-Riera-Arenys-01.jpg\" class=\"portfolio-entry-img skip-lazy\" alt=\"Fermetures pour promotion de logements \u00e0 Arenys de Mar\" data-no-lazy=\"1\" srcset=\"https:\/\/www.garciafaura.com\/wp-content\/uploads\/2018\/12\/Promocio\u0301-Riera-Arenys-01.jpg 1200w, https:\/\/www.garciafaura.com\/wp-content\/uploads\/2018\/12\/Promocio\u0301-Riera-Arenys-01-300x157.jpg 300w, https:\/\/www.garciafaura.com\/wp-content\/uploads\/2018\/12\/Promocio\u0301-Riera-Arenys-01-768x402.jpg 768w, https:\/\/www.garciafaura.com\/wp-content\/uploads\/2018\/12\/Promocio\u0301-Riera-Arenys-01-1024x536.jpg 1024w\" sizes=\"auto, (max-width: 1200px) 100vw, 1200px\" \/><\/a><\/div><div class=\"portfolio-entry-details entry-details wpex-clr\"><h2 class=\"portfolio-entry-title entry-title\"><a href=\"https:\/\/www.garciafaura.com\/fr\/portfolio-item\/promotion-riera-darenys-de-mar\/\" title=\"Promotion Riera d&rsquo;Arenys de Mar\">Promotion Riera d&rsquo;Arenys de Mar<\/a><\/h2><div class=\"portfolio-entry-categories entry-categories wpex-clr\"><a href=\"https:\/\/www.garciafaura.com\/fr\/portfolio-category\/ensembles-residentiels\/\" class=\"term-77\">Ensembles r\u00e9sidentiels<\/a><\/div><\/div><\/div><\/div><div class=\"portfolio-entry vcex-grid-item entry-has-details span_1_of_3 col col-1 vcex-isotope-entry vcex-no-margin-entry post-20424 entry type-portfolio has-media cat-77 cat-91 translation_priority-5\"><div class=\"portfolio-entry-inner entry-inner wpex-clr\"><div class=\"portfolio-entry-media entry-media wpex-clr\"><a href=\"https:\/\/www.garciafaura.com\/wp-content\/uploads\/2018\/12\/Promocio\u0301-Mataro\u0301-carrer-Tordera-02.jpg\" title=\"Promotion Tordera Matar\u00f3\" class=\"portfolio-entry-media-link wpex-lightbox-gallery\" data-gallery=\"[{&quot;src&quot;:&quot;https:\\\/\\\/www.garciafaura.com\\\/wp-content\\\/uploads\\\/2018\\\/12\\\/Promocio\\u0301-Mataro\\u0301-carrer-Tordera-01.jpg&quot;,&quot;title&quot;:&quot;Fermetures en aluminium pour promotion de 60 logements \\u00e0 Matar\\u00f3&quot;},{&quot;src&quot;:&quot;https:\\\/\\\/www.garciafaura.com\\\/wp-content\\\/uploads\\\/2018\\\/12\\\/Promocio\\u0301-Mataro\\u0301-carrer-Tordera-09.jpg&quot;,&quot;title&quot;:&quot;Fermetures en aluminium pour promotion de 60 logements \\u00e0 Matar\\u00f3&quot;},{&quot;src&quot;:&quot;https:\\\/\\\/www.garciafaura.com\\\/wp-content\\\/uploads\\\/2018\\\/12\\\/Promocio\\u0301-Mataro\\u0301-carrer-Tordera-08.jpg&quot;,&quot;title&quot;:&quot;Fermetures en aluminium pour promotion de 60 logements \\u00e0 Matar\\u00f3&quot;},{&quot;src&quot;:&quot;https:\\\/\\\/www.garciafaura.com\\\/wp-content\\\/uploads\\\/2018\\\/12\\\/Promocio\\u0301-Mataro\\u0301-carrer-Tordera-07.jpg&quot;,&quot;title&quot;:&quot;Fermetures en aluminium pour promotion de 60 logements \\u00e0 Matar\\u00f3&quot;},{&quot;src&quot;:&quot;https:\\\/\\\/www.garciafaura.com\\\/wp-content\\\/uploads\\\/2018\\\/12\\\/Promocio\\u0301-Mataro\\u0301-carrer-Tordera-06.jpg&quot;,&quot;title&quot;:&quot;Fermetures en aluminium pour promotion de 60 logements \\u00e0 Matar\\u00f3&quot;},{&quot;src&quot;:&quot;https:\\\/\\\/www.garciafaura.com\\\/wp-content\\\/uploads\\\/2018\\\/12\\\/Promocio\\u0301-Mataro\\u0301-carrer-Tordera-05.jpg&quot;,&quot;title&quot;:&quot;Fermetures en aluminium pour promotion de 60 logements \\u00e0 Matar\\u00f3&quot;},{&quot;src&quot;:&quot;https:\\\/\\\/www.garciafaura.com\\\/wp-content\\\/uploads\\\/2018\\\/12\\\/Promocio\\u0301-Mataro\\u0301-carrer-Tordera-04.jpg&quot;,&quot;title&quot;:&quot;Fermetures en aluminium pour promotion de 60 logements \\u00e0 Matar\\u00f3&quot;},{&quot;src&quot;:&quot;https:\\\/\\\/www.garciafaura.com\\\/wp-content\\\/uploads\\\/2018\\\/12\\\/Promocio\\u0301-Mataro\\u0301-carrer-Tordera-03.jpg&quot;,&quot;title&quot;:&quot;Fermetures en aluminium pour promotion de 60 logements \\u00e0 Matar\\u00f3&quot;},{&quot;src&quot;:&quot;https:\\\/\\\/www.garciafaura.com\\\/wp-content\\\/uploads\\\/2018\\\/12\\\/Promocio\\u0301-Mataro\\u0301-carrer-Tordera-02.jpg&quot;,&quot;title&quot;:&quot;Fermetures en aluminium pour promotion de 60 logements \\u00e0 Matar\\u00f3&quot;}]\"><img loading=\"lazy\" decoding=\"async\" width=\"1200\" height=\"628\" src=\"https:\/\/www.garciafaura.com\/wp-content\/uploads\/2018\/12\/Promocio\u0301-Mataro\u0301-carrer-Tordera-02.jpg\" class=\"portfolio-entry-img skip-lazy\" alt=\"Fermetures en aluminium pour promotion de 60 logements \u00e0 Matar\u00f3\" data-no-lazy=\"1\" srcset=\"https:\/\/www.garciafaura.com\/wp-content\/uploads\/2018\/12\/Promocio\u0301-Mataro\u0301-carrer-Tordera-02.jpg 1200w, https:\/\/www.garciafaura.com\/wp-content\/uploads\/2018\/12\/Promocio\u0301-Mataro\u0301-carrer-Tordera-02-300x157.jpg 300w, https:\/\/www.garciafaura.com\/wp-content\/uploads\/2018\/12\/Promocio\u0301-Mataro\u0301-carrer-Tordera-02-768x402.jpg 768w, https:\/\/www.garciafaura.com\/wp-content\/uploads\/2018\/12\/Promocio\u0301-Mataro\u0301-carrer-Tordera-02-1024x536.jpg 1024w\" sizes=\"auto, (max-width: 1200px) 100vw, 1200px\" \/><\/a><\/div><div class=\"portfolio-entry-details entry-details wpex-clr\"><h2 class=\"portfolio-entry-title entry-title\"><a href=\"https:\/\/www.garciafaura.com\/fr\/portfolio-item\/promotion-tordera-mataro\/\" title=\"Promotion Tordera Matar\u00f3\">Promotion Tordera Matar\u00f3<\/a><\/h2><div class=\"portfolio-entry-categories entry-categories wpex-clr\"><a href=\"https:\/\/www.garciafaura.com\/fr\/portfolio-category\/ensembles-residentiels\/\" class=\"term-77\">Ensembles r\u00e9sidentiels<\/a><\/div><\/div><\/div><\/div><div class=\"portfolio-entry vcex-grid-item entry-has-details span_1_of_3 col col-2 vcex-isotope-entry vcex-no-margin-entry post-20425 entry type-portfolio has-media cat-77 translation_priority-5\"><div class=\"portfolio-entry-inner entry-inner wpex-clr\"><div class=\"portfolio-entry-media entry-media wpex-clr\"><a href=\"https:\/\/www.garciafaura.com\/wp-content\/uploads\/2018\/12\/Promocio\u0301-Mataro\u0301-carrer-Viladomat-01.jpg\" title=\"Promotion Viladomat Matar\u00f3\" class=\"portfolio-entry-media-link wpex-lightbox-gallery\" data-gallery=\"[{&quot;src&quot;:&quot;https:\\\/\\\/www.garciafaura.com\\\/wp-content\\\/uploads\\\/2018\\\/12\\\/Promocio\\u0301-Mataro\\u0301-carrer-Viladomat-01.jpg&quot;,&quot;title&quot;:&quot;Promotion rue Viladomat Matar\\u00f3&quot;},{&quot;src&quot;:&quot;https:\\\/\\\/www.garciafaura.com\\\/wp-content\\\/uploads\\\/2018\\\/12\\\/Promocio\\u0301-Mataro\\u0301-carrer-Viladomat-07.jpg&quot;,&quot;title&quot;:&quot;Promotion rue Viladomat Matar\\u00f3&quot;},{&quot;src&quot;:&quot;https:\\\/\\\/www.garciafaura.com\\\/wp-content\\\/uploads\\\/2018\\\/12\\\/Promocio\\u0301-Mataro\\u0301-carrer-Viladomat-06.jpg&quot;,&quot;title&quot;:&quot;Promotion rue Viladomat Matar\\u00f3&quot;},{&quot;src&quot;:&quot;https:\\\/\\\/www.garciafaura.com\\\/wp-content\\\/uploads\\\/2018\\\/12\\\/Promocio\\u0301-Mataro\\u0301-carrer-Viladomat-05.jpg&quot;,&quot;title&quot;:&quot;Promotion rue Viladomat Matar\\u00f3&quot;},{&quot;src&quot;:&quot;https:\\\/\\\/www.garciafaura.com\\\/wp-content\\\/uploads\\\/2018\\\/12\\\/Promocio\\u0301-Mataro\\u0301-carrer-Viladomat-04.jpg&quot;,&quot;title&quot;:&quot;Promotion rue Viladomat Matar\\u00f3&quot;},{&quot;src&quot;:&quot;https:\\\/\\\/www.garciafaura.com\\\/wp-content\\\/uploads\\\/2018\\\/12\\\/Promocio\\u0301-Mataro\\u0301-carrer-Viladomat-03.jpg&quot;,&quot;title&quot;:&quot;Promotion rue Viladomat Matar\\u00f3&quot;},{&quot;src&quot;:&quot;https:\\\/\\\/www.garciafaura.com\\\/wp-content\\\/uploads\\\/2018\\\/12\\\/Promocio\\u0301-Mataro\\u0301-carrer-Viladomat-02.jpg&quot;,&quot;title&quot;:&quot;Promotion rue Viladomat Matar\\u00f3&quot;}]\"><img loading=\"lazy\" decoding=\"async\" width=\"1200\" height=\"628\" src=\"https:\/\/www.garciafaura.com\/wp-content\/uploads\/2018\/12\/Promocio\u0301-Mataro\u0301-carrer-Viladomat-01.jpg\" class=\"portfolio-entry-img skip-lazy\" alt=\"Promotion rue Viladomat Matar\u00f3\" data-no-lazy=\"1\" srcset=\"https:\/\/www.garciafaura.com\/wp-content\/uploads\/2018\/12\/Promocio\u0301-Mataro\u0301-carrer-Viladomat-01.jpg 1200w, https:\/\/www.garciafaura.com\/wp-content\/uploads\/2018\/12\/Promocio\u0301-Mataro\u0301-carrer-Viladomat-01-300x157.jpg 300w, https:\/\/www.garciafaura.com\/wp-content\/uploads\/2018\/12\/Promocio\u0301-Mataro\u0301-carrer-Viladomat-01-768x402.jpg 768w, https:\/\/www.garciafaura.com\/wp-content\/uploads\/2018\/12\/Promocio\u0301-Mataro\u0301-carrer-Viladomat-01-1024x536.jpg 1024w\" sizes=\"auto, (max-width: 1200px) 100vw, 1200px\" \/><\/a><\/div><div class=\"portfolio-entry-details entry-details wpex-clr\"><h2 class=\"portfolio-entry-title entry-title\"><a href=\"https:\/\/www.garciafaura.com\/fr\/portfolio-item\/promotion-viladomat-mataro\/\" title=\"Promotion Viladomat Matar\u00f3\">Promotion Viladomat Matar\u00f3<\/a><\/h2><div class=\"portfolio-entry-categories entry-categories wpex-clr\"><a href=\"https:\/\/www.garciafaura.com\/fr\/portfolio-category\/ensembles-residentiels\/\" class=\"term-77\">Ensembles r\u00e9sidentiels<\/a><\/div><\/div><\/div><\/div><div class=\"portfolio-entry vcex-grid-item entry-has-details span_1_of_3 col col-3 vcex-isotope-entry vcex-no-margin-entry post-20413 entry type-portfolio has-media cat-77 translation_priority-5\"><div class=\"portfolio-entry-inner entry-inner wpex-clr\"><div class=\"portfolio-entry-media entry-media wpex-clr\"><a href=\"https:\/\/www.garciafaura.com\/wp-content\/uploads\/2018\/11\/Promocio\u0301-Sant-Pere-Ribes-01.jpg\" title=\"Promotion Sant Pere de Ribes\" class=\"portfolio-entry-media-link wpex-lightbox-gallery\" data-gallery=\"[{&quot;src&quot;:&quot;https:\\\/\\\/www.garciafaura.com\\\/wp-content\\\/uploads\\\/2018\\\/11\\\/Promocio\\u0301-Sant-Pere-Ribes-01.jpg&quot;,&quot;title&quot;:&quot;Travaux de menuiserie en aluminium pour promotion de logement social&quot;},{&quot;src&quot;:&quot;https:\\\/\\\/www.garciafaura.com\\\/wp-content\\\/uploads\\\/2018\\\/11\\\/Promocio\\u0301-Sant-Pere-Ribes-05.jpg&quot;,&quot;title&quot;:&quot;Travaux de menuiserie en aluminium pour promotion de logement social&quot;},{&quot;src&quot;:&quot;https:\\\/\\\/www.garciafaura.com\\\/wp-content\\\/uploads\\\/2018\\\/11\\\/Promocio\\u0301-Sant-Pere-Ribes-04.jpg&quot;,&quot;title&quot;:&quot;Travaux de menuiserie en aluminium pour promotion de logement social&quot;},{&quot;src&quot;:&quot;https:\\\/\\\/www.garciafaura.com\\\/wp-content\\\/uploads\\\/2018\\\/11\\\/Promocio\\u0301-Sant-Pere-Ribes-03.jpg&quot;,&quot;title&quot;:&quot;Travaux de menuiserie en aluminium pour promotion de logement social&quot;},{&quot;src&quot;:&quot;https:\\\/\\\/www.garciafaura.com\\\/wp-content\\\/uploads\\\/2018\\\/11\\\/Promocio\\u0301-Sant-Pere-Ribes-02.jpg&quot;,&quot;title&quot;:&quot;Travaux de menuiserie en aluminium pour promotion de logement social&quot;}]\"><img loading=\"lazy\" decoding=\"async\" width=\"600\" height=\"314\" src=\"https:\/\/www.garciafaura.com\/wp-content\/uploads\/2018\/11\/Promocio\u0301-Sant-Pere-Ribes-01.jpg\" class=\"portfolio-entry-img skip-lazy\" alt=\"Travaux de menuiserie en aluminium pour promotion de logement social\" data-no-lazy=\"1\" srcset=\"https:\/\/www.garciafaura.com\/wp-content\/uploads\/2018\/11\/Promocio\u0301-Sant-Pere-Ribes-01.jpg 600w, https:\/\/www.garciafaura.com\/wp-content\/uploads\/2018\/11\/Promocio\u0301-Sant-Pere-Ribes-01-300x157.jpg 300w\" sizes=\"auto, (max-width: 600px) 100vw, 600px\" \/><\/a><\/div><div class=\"portfolio-entry-details entry-details wpex-clr\"><h2 class=\"portfolio-entry-title entry-title\"><a href=\"https:\/\/www.garciafaura.com\/fr\/portfolio-item\/promotion-sant-pere-de-ribes\/\" title=\"Promotion Sant Pere de Ribes\">Promotion Sant Pere de Ribes<\/a><\/h2><div class=\"portfolio-entry-categories entry-categories wpex-clr\"><a href=\"https:\/\/www.garciafaura.com\/fr\/portfolio-category\/ensembles-residentiels\/\" class=\"term-77\">Ensembles r\u00e9sidentiels<\/a><\/div><\/div><\/div><\/div><div class=\"portfolio-entry vcex-grid-item entry-has-details span_1_of_3 col col-1 vcex-isotope-entry vcex-no-margin-entry post-20410 entry type-portfolio has-media cat-77 translation_priority-5\"><div class=\"portfolio-entry-inner entry-inner wpex-clr\"><div class=\"portfolio-entry-media entry-media wpex-clr\"><a href=\"https:\/\/www.garciafaura.com\/wp-content\/uploads\/2018\/11\/Residencial-Cunit-02.jpg\" title=\"Lotissement Cunit\" class=\"portfolio-entry-media-link wpex-lightbox-gallery\" data-gallery=\"[{&quot;src&quot;:&quot;https:\\\/\\\/www.garciafaura.com\\\/wp-content\\\/uploads\\\/2018\\\/11\\\/Residencial-Cunit-01.jpg&quot;,&quot;title&quot;:&quot;Travaux de menuiserie en aluminium et verre pour ensemble de logements multifamiliaux&quot;},{&quot;src&quot;:&quot;https:\\\/\\\/www.garciafaura.com\\\/wp-content\\\/uploads\\\/2018\\\/11\\\/Residencial-Cunit-06.jpg&quot;,&quot;title&quot;:&quot;Travaux de menuiserie en aluminium et verre pour ensemble de logements multifamiliaux&quot;},{&quot;src&quot;:&quot;https:\\\/\\\/www.garciafaura.com\\\/wp-content\\\/uploads\\\/2018\\\/11\\\/Residencial-Cunit-05.jpg&quot;,&quot;title&quot;:&quot;Travaux de menuiserie en aluminium et verre pour ensemble de logements multifamiliaux&quot;},{&quot;src&quot;:&quot;https:\\\/\\\/www.garciafaura.com\\\/wp-content\\\/uploads\\\/2018\\\/11\\\/Residencial-Cunit-04.jpg&quot;,&quot;title&quot;:&quot;Travaux de menuiserie en aluminium et verre pour ensemble de logements multifamiliaux&quot;},{&quot;src&quot;:&quot;https:\\\/\\\/www.garciafaura.com\\\/wp-content\\\/uploads\\\/2018\\\/11\\\/Residencial-Cunit-03.jpg&quot;,&quot;title&quot;:&quot;Travaux de menuiserie en aluminium et verre pour ensemble de logements multifamiliaux&quot;},{&quot;src&quot;:&quot;https:\\\/\\\/www.garciafaura.com\\\/wp-content\\\/uploads\\\/2018\\\/11\\\/Residencial-Cunit-02.jpg&quot;,&quot;title&quot;:&quot;Travaux de menuiserie en aluminium et verre pour ensemble de logements multifamiliaux&quot;}]\"><img loading=\"lazy\" decoding=\"async\" width=\"600\" height=\"314\" src=\"https:\/\/www.garciafaura.com\/wp-content\/uploads\/2018\/11\/Residencial-Cunit-02.jpg\" class=\"portfolio-entry-img skip-lazy\" alt=\"Travaux de menuiserie en aluminium et verre pour ensemble de logements multifamiliaux\" data-no-lazy=\"1\" srcset=\"https:\/\/www.garciafaura.com\/wp-content\/uploads\/2018\/11\/Residencial-Cunit-02.jpg 600w, https:\/\/www.garciafaura.com\/wp-content\/uploads\/2018\/11\/Residencial-Cunit-02-300x157.jpg 300w\" sizes=\"auto, (max-width: 600px) 100vw, 600px\" \/><\/a><\/div><div class=\"portfolio-entry-details entry-details wpex-clr\"><h2 class=\"portfolio-entry-title entry-title\"><a href=\"https:\/\/www.garciafaura.com\/fr\/portfolio-item\/lotissement-cunit\/\" title=\"Lotissement Cunit\">Lotissement Cunit<\/a><\/h2><div class=\"portfolio-entry-categories entry-categories wpex-clr\"><a href=\"https:\/\/www.garciafaura.com\/fr\/portfolio-category\/ensembles-residentiels\/\" class=\"term-77\">Ensembles r\u00e9sidentiels<\/a><\/div><\/div><\/div><\/div><div class=\"portfolio-entry vcex-grid-item entry-has-details span_1_of_3 col col-2 vcex-isotope-entry vcex-no-margin-entry post-20411 entry type-portfolio has-media cat-77 translation_priority-5\"><div class=\"portfolio-entry-inner entry-inner wpex-clr\"><div class=\"portfolio-entry-media entry-media wpex-clr\"><a href=\"https:\/\/www.garciafaura.com\/wp-content\/uploads\/2018\/11\/Promocio\u0301-Can-Bellet-01.jpg\" title=\"Promotion Can Bellet\" class=\"portfolio-entry-media-link wpex-lightbox-gallery\" data-gallery=\"[{&quot;src&quot;:&quot;https:\\\/\\\/www.garciafaura.com\\\/wp-content\\\/uploads\\\/2018\\\/11\\\/Promocio\\u0301-Can-Bellet-01.jpg&quot;,&quot;title&quot;:&quot;Fermetures int\\u00e9rieures et ext\\u00e9rieures pour l&#039;ensemble de logements de ce lotissement&quot;},{&quot;src&quot;:&quot;https:\\\/\\\/www.garciafaura.com\\\/wp-content\\\/uploads\\\/2018\\\/11\\\/Promocio\\u0301-Can-Bellet-03.jpg&quot;,&quot;title&quot;:&quot;Fermetures int\\u00e9rieures et ext\\u00e9rieures pour l&#039;ensemble de logements de ce lotissement&quot;},{&quot;src&quot;:&quot;https:\\\/\\\/www.garciafaura.com\\\/wp-content\\\/uploads\\\/2018\\\/11\\\/Promocio\\u0301-Can-Bellet-02.jpg&quot;,&quot;title&quot;:&quot;Fermetures int\\u00e9rieures et ext\\u00e9rieures pour l&#039;ensemble de logements de ce lotissement&quot;}]\"><img loading=\"lazy\" decoding=\"async\" width=\"600\" height=\"314\" src=\"https:\/\/www.garciafaura.com\/wp-content\/uploads\/2018\/11\/Promocio\u0301-Can-Bellet-01.jpg\" class=\"portfolio-entry-img skip-lazy\" alt=\"Fermetures int\u00e9rieures et ext\u00e9rieures pour l&#039;ensemble de logements de ce lotissement\" data-no-lazy=\"1\" srcset=\"https:\/\/www.garciafaura.com\/wp-content\/uploads\/2018\/11\/Promocio\u0301-Can-Bellet-01.jpg 600w, https:\/\/www.garciafaura.com\/wp-content\/uploads\/2018\/11\/Promocio\u0301-Can-Bellet-01-300x157.jpg 300w\" sizes=\"auto, (max-width: 600px) 100vw, 600px\" \/><\/a><\/div><div class=\"portfolio-entry-details entry-details wpex-clr\"><h2 class=\"portfolio-entry-title entry-title\"><a href=\"https:\/\/www.garciafaura.com\/fr\/portfolio-item\/promotion-can-bellet\/\" title=\"Promotion Can Bellet\">Promotion Can Bellet<\/a><\/h2><div class=\"portfolio-entry-categories entry-categories wpex-clr\"><a href=\"https:\/\/www.garciafaura.com\/fr\/portfolio-category\/ensembles-residentiels\/\" class=\"term-77\">Ensembles r\u00e9sidentiels<\/a><\/div><\/div><\/div><\/div><div class=\"portfolio-entry vcex-grid-item entry-has-details span_1_of_3 col col-3 vcex-isotope-entry vcex-no-margin-entry post-20412 entry type-portfolio has-media cat-77 translation_priority-5\"><div class=\"portfolio-entry-inner entry-inner wpex-clr\"><div class=\"portfolio-entry-media entry-media wpex-clr\"><a href=\"https:\/\/www.garciafaura.com\/wp-content\/uploads\/2018\/11\/Urbanitzacio-Mas-Lluhi.jpg\" title=\"Lotissement Mas Lluh\u00ed\" class=\"portfolio-entry-media-link wpex-lightbox-gallery\" data-gallery=\"[{&quot;src&quot;:&quot;https:\\\/\\\/www.garciafaura.com\\\/wp-content\\\/uploads\\\/2018\\\/11\\\/Urbanitzacio-Mas-Lluhi.jpg&quot;}]\"><img loading=\"lazy\" decoding=\"async\" width=\"600\" height=\"314\" src=\"https:\/\/www.garciafaura.com\/wp-content\/uploads\/2018\/11\/Urbanitzacio-Mas-Lluhi.jpg\" class=\"portfolio-entry-img skip-lazy\" alt=\"\" data-no-lazy=\"1\" srcset=\"https:\/\/www.garciafaura.com\/wp-content\/uploads\/2018\/11\/Urbanitzacio-Mas-Lluhi.jpg 600w, https:\/\/www.garciafaura.com\/wp-content\/uploads\/2018\/11\/Urbanitzacio-Mas-Lluhi-300x157.jpg 300w\" sizes=\"auto, (max-width: 600px) 100vw, 600px\" \/><\/a><\/div><div class=\"portfolio-entry-details entry-details wpex-clr\"><h2 class=\"portfolio-entry-title entry-title\"><a href=\"https:\/\/www.garciafaura.com\/fr\/portfolio-item\/lotissement-mas-lluhi\/\" title=\"Lotissement Mas Lluh\u00ed\">Lotissement Mas Lluh\u00ed<\/a><\/h2><div class=\"portfolio-entry-categories entry-categories wpex-clr\"><a href=\"https:\/\/www.garciafaura.com\/fr\/portfolio-category\/ensembles-residentiels\/\" class=\"term-77\">Ensembles r\u00e9sidentiels<\/a><\/div><\/div><\/div><\/div><div class=\"portfolio-entry vcex-grid-item entry-has-details span_1_of_3 col col-1 vcex-isotope-entry vcex-no-margin-entry post-20408 entry type-portfolio has-media cat-77 cat-72 translation_priority-5\"><div class=\"portfolio-entry-inner entry-inner wpex-clr\"><div class=\"portfolio-entry-media entry-media wpex-clr\"><a href=\"https:\/\/www.garciafaura.com\/wp-content\/uploads\/2018\/11\/Promocio\u0301-Sant-Fost-01-0.jpg\" title=\"Promotion Sant Fost\" class=\"portfolio-entry-media-link wpex-lightbox-gallery\" data-gallery=\"[{&quot;src&quot;:&quot;https:\\\/\\\/www.garciafaura.com\\\/wp-content\\\/uploads\\\/2018\\\/11\\\/Promocio\\u0301-Sant-Fost-01-0.jpg&quot;},{&quot;src&quot;:&quot;https:\\\/\\\/www.garciafaura.com\\\/wp-content\\\/uploads\\\/2018\\\/11\\\/Promocio\\u0301-Sant-Fost-05-1.jpg&quot;},{&quot;src&quot;:&quot;https:\\\/\\\/www.garciafaura.com\\\/wp-content\\\/uploads\\\/2018\\\/11\\\/Promocio\\u0301-Sant-Fost-04-1.jpg&quot;},{&quot;src&quot;:&quot;https:\\\/\\\/www.garciafaura.com\\\/wp-content\\\/uploads\\\/2018\\\/11\\\/Promocio\\u0301-Sant-Fost-03-1.jpg&quot;},{&quot;src&quot;:&quot;https:\\\/\\\/www.garciafaura.com\\\/wp-content\\\/uploads\\\/2018\\\/11\\\/Promocio\\u0301-Sant-Fost-02-1.jpg&quot;}]\"><img loading=\"lazy\" decoding=\"async\" width=\"1200\" height=\"628\" src=\"https:\/\/www.garciafaura.com\/wp-content\/uploads\/2018\/11\/Promocio\u0301-Sant-Fost-01-0.jpg\" class=\"portfolio-entry-img skip-lazy\" alt=\"\" data-no-lazy=\"1\" srcset=\"https:\/\/www.garciafaura.com\/wp-content\/uploads\/2018\/11\/Promocio\u0301-Sant-Fost-01-0.jpg 1200w, https:\/\/www.garciafaura.com\/wp-content\/uploads\/2018\/11\/Promocio\u0301-Sant-Fost-01-0-300x157.jpg 300w, https:\/\/www.garciafaura.com\/wp-content\/uploads\/2018\/11\/Promocio\u0301-Sant-Fost-01-0-768x402.jpg 768w, https:\/\/www.garciafaura.com\/wp-content\/uploads\/2018\/11\/Promocio\u0301-Sant-Fost-01-0-1024x536.jpg 1024w\" sizes=\"auto, (max-width: 1200px) 100vw, 1200px\" \/><\/a><\/div><div class=\"portfolio-entry-details entry-details wpex-clr\"><h2 class=\"portfolio-entry-title entry-title\"><a href=\"https:\/\/www.garciafaura.com\/fr\/portfolio-item\/promotion-sant-fost\/\" title=\"Promotion Sant Fost\">Promotion Sant Fost<\/a><\/h2><div class=\"portfolio-entry-categories entry-categories wpex-clr\"><a href=\"https:\/\/www.garciafaura.com\/fr\/portfolio-category\/ensembles-residentiels\/\" class=\"term-77\">Ensembles r\u00e9sidentiels<\/a><\/div><\/div><\/div><\/div><div class=\"portfolio-entry vcex-grid-item entry-has-details span_1_of_3 col col-2 vcex-isotope-entry vcex-no-margin-entry post-20405 entry type-portfolio has-media cat-77 cat-90 translation_priority-5\"><div class=\"portfolio-entry-inner entry-inner wpex-clr\"><div class=\"portfolio-entry-media entry-media wpex-clr\"><a href=\"https:\/\/www.garciafaura.com\/wp-content\/uploads\/2018\/11\/PasseigGracia.jpg\" title=\"R\u00e9am\u00e9nagement immeuble Passeig Gr\u00e0cia\" class=\"portfolio-entry-media-link wpex-lightbox-gallery\" data-gallery=\"[{&quot;src&quot;:&quot;https:\\\/\\\/www.garciafaura.com\\\/wp-content\\\/uploads\\\/2018\\\/11\\\/Rehabilitacio\\u0301-Passeig-de-Gra\\u0300cia-01.jpg&quot;,&quot;title&quot;:&quot;Tancaments exteriors\\u00a0i fa\\u00e7ana posterior d&#039;edifici hist\\u00f2ric\\u00a0en el\\u00a0centre de Barcelona&quot;},{&quot;src&quot;:&quot;https:\\\/\\\/www.garciafaura.com\\\/wp-content\\\/uploads\\\/2018\\\/11\\\/Rehabilitacio\\u0301-Passeig-de-Gra\\u0300cia-06.jpg&quot;,&quot;title&quot;:&quot;Tancaments exteriors\\u00a0i fa\\u00e7ana posterior d&#039;edifici hist\\u00f2ric\\u00a0en el\\u00a0centre de Barcelona&quot;},{&quot;src&quot;:&quot;https:\\\/\\\/www.garciafaura.com\\\/wp-content\\\/uploads\\\/2018\\\/11\\\/Rehabilitacio\\u0301-Passeig-de-Gra\\u0300cia-05.jpg&quot;,&quot;title&quot;:&quot;Tancaments exteriors\\u00a0i fa\\u00e7ana posterior d&#039;edifici hist\\u00f2ric\\u00a0en el\\u00a0centre de Barcelona&quot;},{&quot;src&quot;:&quot;https:\\\/\\\/www.garciafaura.com\\\/wp-content\\\/uploads\\\/2018\\\/11\\\/Rehabilitacio\\u0301-Passeig-de-Gra\\u0300cia-04.jpg&quot;,&quot;title&quot;:&quot;Tancaments exteriors\\u00a0i fa\\u00e7ana posterior d&#039;edifici hist\\u00f2ric\\u00a0en el\\u00a0centre de Barcelona&quot;},{&quot;src&quot;:&quot;https:\\\/\\\/www.garciafaura.com\\\/wp-content\\\/uploads\\\/2018\\\/11\\\/Rehabilitacio\\u0301-Passeig-de-Gra\\u0300cia-03.jpg&quot;,&quot;title&quot;:&quot;Tancaments exteriors\\u00a0i fa\\u00e7ana posterior d&#039;edifici hist\\u00f2ric\\u00a0en el\\u00a0centre de Barcelona&quot;},{&quot;src&quot;:&quot;https:\\\/\\\/www.garciafaura.com\\\/wp-content\\\/uploads\\\/2018\\\/11\\\/Rehabilitacio\\u0301-Passeig-de-Gra\\u0300cia-02.jpg&quot;,&quot;title&quot;:&quot;Tancaments exteriors\\u00a0i fa\\u00e7ana posterior d&#039;edifici hist\\u00f2ric\\u00a0en el\\u00a0centre de Barcelona&quot;}]\"><img loading=\"lazy\" decoding=\"async\" width=\"1200\" height=\"628\" src=\"https:\/\/www.garciafaura.com\/wp-content\/uploads\/2018\/11\/PasseigGracia.jpg\" class=\"portfolio-entry-img skip-lazy\" alt=\"\" data-no-lazy=\"1\" srcset=\"https:\/\/www.garciafaura.com\/wp-content\/uploads\/2018\/11\/PasseigGracia.jpg 1200w, https:\/\/www.garciafaura.com\/wp-content\/uploads\/2018\/11\/PasseigGracia-300x157.jpg 300w, https:\/\/www.garciafaura.com\/wp-content\/uploads\/2018\/11\/PasseigGracia-768x402.jpg 768w, https:\/\/www.garciafaura.com\/wp-content\/uploads\/2018\/11\/PasseigGracia-1024x536.jpg 1024w, https:\/\/www.garciafaura.com\/wp-content\/uploads\/2018\/11\/PasseigGracia-600x314.jpg 600w\" sizes=\"auto, (max-width: 1200px) 100vw, 1200px\" \/><\/a><\/div><div class=\"portfolio-entry-details entry-details wpex-clr\"><h2 class=\"portfolio-entry-title entry-title\"><a href=\"https:\/\/www.garciafaura.com\/fr\/portfolio-item\/reamenagement-immeuble-paseo-de-gracia\/\" title=\"R\u00e9am\u00e9nagement immeuble Passeig Gr\u00e0cia\">R\u00e9am\u00e9nagement immeuble Passeig Gr\u00e0cia<\/a><\/h2><div class=\"portfolio-entry-categories entry-categories wpex-clr\"><a href=\"https:\/\/www.garciafaura.com\/fr\/portfolio-category\/ensembles-residentiels\/\" class=\"term-77\">Ensembles r\u00e9sidentiels<\/a><\/div><\/div><\/div><\/div><div class=\"portfolio-entry vcex-grid-item entry-has-details span_1_of_3 col col-3 vcex-isotope-entry vcex-no-margin-entry post-20403 entry type-portfolio has-media cat-77 translation_priority-5\"><div class=\"portfolio-entry-inner entry-inner wpex-clr\"><div class=\"portfolio-entry-media entry-media wpex-clr\"><a href=\"https:\/\/www.garciafaura.com\/wp-content\/uploads\/2018\/11\/Residencial-Eixample-Mar-Vilanova-01.jpg\" title=\"Lotissement Eixample Mar\" class=\"portfolio-entry-media-link wpex-lightbox-gallery\" data-gallery=\"[{&quot;src&quot;:&quot;https:\\\/\\\/www.garciafaura.com\\\/wp-content\\\/uploads\\\/2018\\\/11\\\/Residencial-Eixample-Mar-Vilanova-01.jpg&quot;,&quot;title&quot;:&quot;Ensemble de fermetures int\\u00e9rieures et ext\\u00e9rieures pour le nouveau quartier r\\u00e9sidentiel de Vilanova i la Geltr\\u00fa&quot;},{&quot;src&quot;:&quot;https:\\\/\\\/www.garciafaura.com\\\/wp-content\\\/uploads\\\/2018\\\/11\\\/Residencial-Eixample-Mar-Vilanova-11.jpg&quot;,&quot;title&quot;:&quot;Conjunt de tancaments interiors i exteriors al nou sector residencial de Vilanova i la Geltr\\u00fa&quot;},{&quot;src&quot;:&quot;https:\\\/\\\/www.garciafaura.com\\\/wp-content\\\/uploads\\\/2018\\\/11\\\/Residencial-Eixample-Mar-Vilanova-10.jpg&quot;,&quot;title&quot;:&quot;Conjunt de tancaments interiors i exteriors al nou sector residencial de Vilanova i la Geltr\\u00fa&quot;},{&quot;src&quot;:&quot;https:\\\/\\\/www.garciafaura.com\\\/wp-content\\\/uploads\\\/2018\\\/11\\\/Residencial-Eixample-Mar-Vilanova-09.jpg&quot;,&quot;title&quot;:&quot;Conjunt de tancaments interiors i exteriors al nou sector residencial de Vilanova i la Geltr\\u00fa&quot;},{&quot;src&quot;:&quot;https:\\\/\\\/www.garciafaura.com\\\/wp-content\\\/uploads\\\/2018\\\/11\\\/Residencial-Eixample-Mar-Vilanova-08.jpg&quot;,&quot;title&quot;:&quot;Conjunt de tancaments interiors i exteriors al nou sector residencial de Vilanova i la Geltr\\u00fa&quot;},{&quot;src&quot;:&quot;https:\\\/\\\/www.garciafaura.com\\\/wp-content\\\/uploads\\\/2018\\\/11\\\/Residencial-Eixample-Mar-Vilanova-07.jpg&quot;,&quot;title&quot;:&quot;Conjunt de tancaments interiors i exteriors al nou sector residencial de Vilanova i la Geltr\\u00fa&quot;},{&quot;src&quot;:&quot;https:\\\/\\\/www.garciafaura.com\\\/wp-content\\\/uploads\\\/2018\\\/11\\\/Residencial-Eixample-Mar-Vilanova-06.jpg&quot;,&quot;title&quot;:&quot;Conjunt de tancaments interiors i exteriors al nou sector residencial de Vilanova i la Geltr\\u00fa&quot;},{&quot;src&quot;:&quot;https:\\\/\\\/www.garciafaura.com\\\/wp-content\\\/uploads\\\/2018\\\/11\\\/Residencial-Eixample-Mar-Vilanova-05.jpg&quot;,&quot;title&quot;:&quot;Conjunt de tancaments interiors i exteriors al nou sector residencial de Vilanova i la Geltr\\u00fa&quot;},{&quot;src&quot;:&quot;https:\\\/\\\/www.garciafaura.com\\\/wp-content\\\/uploads\\\/2018\\\/11\\\/Residencial-Eixample-Mar-Vilanova-04.jpg&quot;,&quot;title&quot;:&quot;Conjunt de tancaments interiors i exteriors al nou sector residencial de Vilanova i la Geltr\\u00fa&quot;},{&quot;src&quot;:&quot;https:\\\/\\\/www.garciafaura.com\\\/wp-content\\\/uploads\\\/2018\\\/11\\\/Residencial-Eixample-Mar-Vilanova-03.jpg&quot;,&quot;title&quot;:&quot;Conjunt de tancaments interiors i exteriors al nou sector residencial de Vilanova i la Geltr\\u00fa&quot;},{&quot;src&quot;:&quot;https:\\\/\\\/www.garciafaura.com\\\/wp-content\\\/uploads\\\/2018\\\/11\\\/Residencial-Eixample-Mar-Vilanova-02.jpg&quot;,&quot;title&quot;:&quot;Conjunt de tancaments interiors i exteriors al nou sector residencial de Vilanova i la Geltr\\u00fa&quot;}]\"><img loading=\"lazy\" decoding=\"async\" width=\"600\" height=\"314\" src=\"https:\/\/www.garciafaura.com\/wp-content\/uploads\/2018\/11\/Residencial-Eixample-Mar-Vilanova-01.jpg\" class=\"portfolio-entry-img skip-lazy\" alt=\"Ensemble de fermetures int\u00e9rieures et ext\u00e9rieures pour le nouveau quartier r\u00e9sidentiel de Vilanova i la Geltr\u00fa\" data-no-lazy=\"1\" srcset=\"https:\/\/www.garciafaura.com\/wp-content\/uploads\/2018\/11\/Residencial-Eixample-Mar-Vilanova-01.jpg 600w, https:\/\/www.garciafaura.com\/wp-content\/uploads\/2018\/11\/Residencial-Eixample-Mar-Vilanova-01-300x157.jpg 300w\" sizes=\"auto, (max-width: 600px) 100vw, 600px\" \/><\/a><\/div><div class=\"portfolio-entry-details entry-details wpex-clr\"><h2 class=\"portfolio-entry-title entry-title\"><a href=\"https:\/\/www.garciafaura.com\/fr\/portfolio-item\/lotissement-eixample-mar\/\" title=\"Lotissement Eixample Mar\">Lotissement Eixample Mar<\/a><\/h2><div class=\"portfolio-entry-categories entry-categories wpex-clr\"><a href=\"https:\/\/www.garciafaura.com\/fr\/portfolio-category\/ensembles-residentiels\/\" class=\"term-77\">Ensembles r\u00e9sidentiels<\/a><\/div><\/div><\/div><\/div><div class=\"portfolio-entry vcex-grid-item entry-has-details span_1_of_3 col col-1 vcex-isotope-entry vcex-no-margin-entry post-20401 entry type-portfolio has-media cat-77 translation_priority-5\"><div class=\"portfolio-entry-inner entry-inner wpex-clr\"><div class=\"portfolio-entry-media entry-media wpex-clr\"><a href=\"https:\/\/www.garciafaura.com\/wp-content\/uploads\/2018\/11\/Urbanitzacio\u0301-Can-Llovera-01.jpg\" title=\"Lotissement Can Lloveras\" class=\"portfolio-entry-media-link wpex-lightbox-gallery\" data-gallery=\"[{&quot;src&quot;:&quot;https:\\\/\\\/www.garciafaura.com\\\/wp-content\\\/uploads\\\/2018\\\/11\\\/Urbanitzacio\\u0301-Can-Llovera-01.jpg&quot;,&quot;title&quot;:&quot;Fabrication et installation de fermetures pour logements unifamiliaux \\u00e0 Sant Feliu de Llobregat&quot;},{&quot;src&quot;:&quot;https:\\\/\\\/www.garciafaura.com\\\/wp-content\\\/uploads\\\/2018\\\/11\\\/Urbanitzacio\\u0301-Can-Llovera-13.jpg&quot;,&quot;title&quot;:&quot;Fabricaci\\u00f3 i instal\\u00b7laci\\u00f3 de tancaments en habitatges unifamiliars de Sant Feliu de Llobregat&quot;},{&quot;src&quot;:&quot;https:\\\/\\\/www.garciafaura.com\\\/wp-content\\\/uploads\\\/2018\\\/11\\\/Urbanitzacio\\u0301-Can-Llovera-12.jpg&quot;,&quot;title&quot;:&quot;Fabricaci\\u00f3 i instal\\u00b7laci\\u00f3 de tancaments en habitatges unifamiliars de Sant Feliu de Llobregat&quot;},{&quot;src&quot;:&quot;https:\\\/\\\/www.garciafaura.com\\\/wp-content\\\/uploads\\\/2018\\\/11\\\/Urbanitzacio\\u0301-Can-Llovera-11.jpg&quot;,&quot;title&quot;:&quot;Fabricaci\\u00f3 i instal\\u00b7laci\\u00f3 de tancaments en habitatges unifamiliars de Sant Feliu de Llobregat&quot;},{&quot;src&quot;:&quot;https:\\\/\\\/www.garciafaura.com\\\/wp-content\\\/uploads\\\/2018\\\/11\\\/Urbanitzacio\\u0301-Can-Llovera-10.jpg&quot;,&quot;title&quot;:&quot;Fabricaci\\u00f3 i instal\\u00b7laci\\u00f3 de tancaments en habitatges unifamiliars de Sant Feliu de Llobregat&quot;},{&quot;src&quot;:&quot;https:\\\/\\\/www.garciafaura.com\\\/wp-content\\\/uploads\\\/2018\\\/11\\\/Urbanitzacio\\u0301-Can-Llovera-09.jpg&quot;,&quot;title&quot;:&quot;Fabricaci\\u00f3 i instal\\u00b7laci\\u00f3 de tancaments en habitatges unifamiliars de Sant Feliu de Llobregat&quot;},{&quot;src&quot;:&quot;https:\\\/\\\/www.garciafaura.com\\\/wp-content\\\/uploads\\\/2018\\\/11\\\/Urbanitzacio\\u0301-Can-Llovera-08.jpg&quot;,&quot;title&quot;:&quot;Fabricaci\\u00f3 i instal\\u00b7laci\\u00f3 de tancaments en habitatges unifamiliars de Sant Feliu de Llobregat&quot;},{&quot;src&quot;:&quot;https:\\\/\\\/www.garciafaura.com\\\/wp-content\\\/uploads\\\/2018\\\/11\\\/Urbanitzacio\\u0301-Can-Llovera-07.jpg&quot;,&quot;title&quot;:&quot;Fabricaci\\u00f3 i instal\\u00b7laci\\u00f3 de tancaments en habitatges unifamiliars de Sant Feliu de Llobregat&quot;},{&quot;src&quot;:&quot;https:\\\/\\\/www.garciafaura.com\\\/wp-content\\\/uploads\\\/2018\\\/11\\\/Urbanitzacio\\u0301-Can-Llovera-06.jpg&quot;,&quot;title&quot;:&quot;Fabricaci\\u00f3 i instal\\u00b7laci\\u00f3 de tancaments en habitatges unifamiliars de Sant Feliu de Llobregat&quot;},{&quot;src&quot;:&quot;https:\\\/\\\/www.garciafaura.com\\\/wp-content\\\/uploads\\\/2018\\\/11\\\/Urbanitzacio\\u0301-Can-Llovera-05.jpg&quot;,&quot;title&quot;:&quot;Fabricaci\\u00f3 i instal\\u00b7laci\\u00f3 de tancaments en habitatges unifamiliars de Sant Feliu de Llobregat&quot;},{&quot;src&quot;:&quot;https:\\\/\\\/www.garciafaura.com\\\/wp-content\\\/uploads\\\/2018\\\/11\\\/Urbanitzacio\\u0301-Can-Llovera-04.jpg&quot;,&quot;title&quot;:&quot;Fabricaci\\u00f3 i instal\\u00b7laci\\u00f3 de tancaments en habitatges unifamiliars de Sant Feliu de Llobregat&quot;},{&quot;src&quot;:&quot;https:\\\/\\\/www.garciafaura.com\\\/wp-content\\\/uploads\\\/2018\\\/11\\\/Urbanitzacio\\u0301-Can-Llovera-03.jpg&quot;,&quot;title&quot;:&quot;Fabricaci\\u00f3 i instal\\u00b7laci\\u00f3 de tancaments en habitatges unifamiliars de Sant Feliu de Llobregat&quot;},{&quot;src&quot;:&quot;https:\\\/\\\/www.garciafaura.com\\\/wp-content\\\/uploads\\\/2018\\\/11\\\/Urbanitzacio\\u0301-Can-Llovera-02.jpg&quot;,&quot;title&quot;:&quot;Fabricaci\\u00f3 i instal\\u00b7laci\\u00f3 de tancaments en habitatges unifamiliars de Sant Feliu de Llobregat&quot;}]\"><img loading=\"lazy\" decoding=\"async\" width=\"600\" height=\"314\" src=\"https:\/\/www.garciafaura.com\/wp-content\/uploads\/2018\/11\/Urbanitzacio\u0301-Can-Llovera-01.jpg\" class=\"portfolio-entry-img skip-lazy\" alt=\"Fabrication et installation de fermetures pour logements unifamiliaux \u00e0 Sant Feliu de Llobregat\" data-no-lazy=\"1\" srcset=\"https:\/\/www.garciafaura.com\/wp-content\/uploads\/2018\/11\/Urbanitzacio\u0301-Can-Llovera-01.jpg 600w, https:\/\/www.garciafaura.com\/wp-content\/uploads\/2018\/11\/Urbanitzacio\u0301-Can-Llovera-01-300x157.jpg 300w\" sizes=\"auto, (max-width: 600px) 100vw, 600px\" \/><\/a><\/div><div class=\"portfolio-entry-details entry-details wpex-clr\"><h2 class=\"portfolio-entry-title entry-title\"><a href=\"https:\/\/www.garciafaura.com\/fr\/portfolio-item\/lotissement-can-lloveras\/\" title=\"Lotissement Can Lloveras\">Lotissement Can Lloveras<\/a><\/h2><div class=\"portfolio-entry-categories entry-categories wpex-clr\"><a href=\"https:\/\/www.garciafaura.com\/fr\/portfolio-category\/ensembles-residentiels\/\" class=\"term-77\">Ensembles r\u00e9sidentiels<\/a><\/div><\/div><\/div><\/div><div class=\"portfolio-entry vcex-grid-item entry-has-details span_1_of_3 col col-2 vcex-isotope-entry vcex-no-margin-entry post-20402 entry type-portfolio has-media cat-77 translation_priority-5\"><div class=\"portfolio-entry-inner entry-inner wpex-clr\"><div class=\"portfolio-entry-media entry-media wpex-clr\"><a href=\"https:\/\/www.garciafaura.com\/wp-content\/uploads\/2018\/11\/Promocio\u0301-Viladecans-04.jpg\" title=\"Promotion Viladecans\" class=\"portfolio-entry-media-link wpex-lightbox-gallery\" data-gallery=\"[{&quot;src&quot;:&quot;https:\\\/\\\/www.garciafaura.com\\\/wp-content\\\/uploads\\\/2018\\\/11\\\/Promocio\\u0301-Viladecans-01.jpg&quot;,&quot;title&quot;:&quot;Treballs de fusteria d&#039;alumini i vidre en conjunt d&#039;habitatges al sector est de Viladecans&quot;},{&quot;src&quot;:&quot;https:\\\/\\\/www.garciafaura.com\\\/wp-content\\\/uploads\\\/2018\\\/11\\\/Promocio\\u0301-Viladecans-08.jpg&quot;,&quot;title&quot;:&quot;Treballs de fusteria d&#039;alumini i vidre en conjunt d&#039;habitatges al sector est de Viladecans&quot;},{&quot;src&quot;:&quot;https:\\\/\\\/www.garciafaura.com\\\/wp-content\\\/uploads\\\/2018\\\/11\\\/Promocio\\u0301-Viladecans-07.jpg&quot;,&quot;title&quot;:&quot;Treballs de fusteria d&#039;alumini i vidre en conjunt d&#039;habitatges al sector est de Viladecans&quot;},{&quot;src&quot;:&quot;https:\\\/\\\/www.garciafaura.com\\\/wp-content\\\/uploads\\\/2018\\\/11\\\/Promocio\\u0301-Viladecans-06.jpg&quot;,&quot;title&quot;:&quot;Treballs de fusteria d&#039;alumini i vidre en conjunt d&#039;habitatges al sector est de Viladecans&quot;},{&quot;src&quot;:&quot;https:\\\/\\\/www.garciafaura.com\\\/wp-content\\\/uploads\\\/2018\\\/11\\\/Promocio\\u0301-Viladecans-05.jpg&quot;,&quot;title&quot;:&quot;Treballs de fusteria d&#039;alumini i vidre en conjunt d&#039;habitatges al sector est de Viladecans&quot;},{&quot;src&quot;:&quot;https:\\\/\\\/www.garciafaura.com\\\/wp-content\\\/uploads\\\/2018\\\/11\\\/Promocio\\u0301-Viladecans-04.jpg&quot;,&quot;title&quot;:&quot;Travaux de menuiserie en aluminium et verre pour ensemble de logements dans la zone est de Viladecans&quot;},{&quot;src&quot;:&quot;https:\\\/\\\/www.garciafaura.com\\\/wp-content\\\/uploads\\\/2018\\\/11\\\/Promocio\\u0301-Viladecans-03.jpg&quot;,&quot;title&quot;:&quot;Treballs de fusteria d&#039;alumini i vidre en conjunt d&#039;habitatges al sector est de Viladecans&quot;},{&quot;src&quot;:&quot;https:\\\/\\\/www.garciafaura.com\\\/wp-content\\\/uploads\\\/2018\\\/11\\\/Promocio\\u0301-Viladecans-02.jpg&quot;,&quot;title&quot;:&quot;Treballs de fusteria d&#039;alumini i vidre en conjunt d&#039;habitatges al sector est de Viladecans&quot;}]\"><img loading=\"lazy\" decoding=\"async\" width=\"600\" height=\"314\" src=\"https:\/\/www.garciafaura.com\/wp-content\/uploads\/2018\/11\/Promocio\u0301-Viladecans-04.jpg\" class=\"portfolio-entry-img skip-lazy\" alt=\"Travaux de menuiserie en aluminium et verre pour ensemble de logements dans la zone est de Viladecans\" data-no-lazy=\"1\" srcset=\"https:\/\/www.garciafaura.com\/wp-content\/uploads\/2018\/11\/Promocio\u0301-Viladecans-04.jpg 600w, https:\/\/www.garciafaura.com\/wp-content\/uploads\/2018\/11\/Promocio\u0301-Viladecans-04-300x157.jpg 300w\" sizes=\"auto, (max-width: 600px) 100vw, 600px\" \/><\/a><\/div><div class=\"portfolio-entry-details entry-details wpex-clr\"><h2 class=\"portfolio-entry-title entry-title\"><a href=\"https:\/\/www.garciafaura.com\/fr\/portfolio-item\/promotion-viladecans\/\" title=\"Promotion Viladecans\">Promotion Viladecans<\/a><\/h2><div class=\"portfolio-entry-categories entry-categories wpex-clr\"><a href=\"https:\/\/www.garciafaura.com\/fr\/portfolio-category\/ensembles-residentiels\/\" class=\"term-77\">Ensembles r\u00e9sidentiels<\/a><\/div><\/div><\/div><\/div><div class=\"portfolio-entry vcex-grid-item entry-has-details span_1_of_3 col col-3 vcex-isotope-entry vcex-no-margin-entry post-20391 entry type-portfolio has-media cat-77 translation_priority-5\"><div class=\"portfolio-entry-inner entry-inner wpex-clr\"><div class=\"portfolio-entry-media entry-media wpex-clr\"><a href=\"https:\/\/www.garciafaura.com\/wp-content\/uploads\/2018\/11\/Promocio\u0301-Sant-Fost-03.jpg\" title=\"Logements Sant Fost\" class=\"portfolio-entry-media-link wpex-lightbox-gallery\" data-gallery=\"[{&quot;src&quot;:&quot;https:\\\/\\\/www.garciafaura.com\\\/wp-content\\\/uploads\\\/2018\\\/11\\\/Promocio\\u0301-Sant-Fost-01.jpg&quot;,&quot;title&quot;:&quot;Conjunt de tancaments d&#039;alumini i vidre en barri de nova creaci\\u00f3&quot;},{&quot;src&quot;:&quot;https:\\\/\\\/www.garciafaura.com\\\/wp-content\\\/uploads\\\/2018\\\/11\\\/Promocio\\u0301-Sant-Fost-07.jpg&quot;,&quot;title&quot;:&quot;Conjunt de tancaments d&#039;alumini i vidre en barri de nova creaci\\u00f3&quot;},{&quot;src&quot;:&quot;https:\\\/\\\/www.garciafaura.com\\\/wp-content\\\/uploads\\\/2018\\\/11\\\/Promocio\\u0301-Sant-Fost-06.jpg&quot;,&quot;title&quot;:&quot;Conjunt de tancaments d&#039;alumini i vidre en barri de nova creaci\\u00f3&quot;},{&quot;src&quot;:&quot;https:\\\/\\\/www.garciafaura.com\\\/wp-content\\\/uploads\\\/2018\\\/11\\\/Promocio\\u0301-Sant-Fost-05.jpg&quot;,&quot;title&quot;:&quot;Conjunt de tancaments d&#039;alumini i vidre en barri de nova creaci\\u00f3&quot;},{&quot;src&quot;:&quot;https:\\\/\\\/www.garciafaura.com\\\/wp-content\\\/uploads\\\/2018\\\/11\\\/Promocio\\u0301-Sant-Fost-04.jpg&quot;,&quot;title&quot;:&quot;Conjunt de tancaments d&#039;alumini i vidre en barri de nova creaci\\u00f3&quot;},{&quot;src&quot;:&quot;https:\\\/\\\/www.garciafaura.com\\\/wp-content\\\/uploads\\\/2018\\\/11\\\/Promocio\\u0301-Sant-Fost-03.jpg&quot;,&quot;title&quot;:&quot;Ensemble de femetures en aluminium et verre pour quartier nouvellement cr\\u00e9\\u00e9&quot;},{&quot;src&quot;:&quot;https:\\\/\\\/www.garciafaura.com\\\/wp-content\\\/uploads\\\/2018\\\/11\\\/Promocio\\u0301-Sant-Fost-02.jpg&quot;,&quot;title&quot;:&quot;Conjunt de tancaments d&#039;alumini i vidre en barri de nova creaci\\u00f3&quot;}]\"><img loading=\"lazy\" decoding=\"async\" width=\"600\" height=\"314\" src=\"https:\/\/www.garciafaura.com\/wp-content\/uploads\/2018\/11\/Promocio\u0301-Sant-Fost-03.jpg\" class=\"portfolio-entry-img skip-lazy\" alt=\"Ensemble de femetures en aluminium et verre pour quartier nouvellement cr\u00e9\u00e9\" data-no-lazy=\"1\" srcset=\"https:\/\/www.garciafaura.com\/wp-content\/uploads\/2018\/11\/Promocio\u0301-Sant-Fost-03.jpg 600w, https:\/\/www.garciafaura.com\/wp-content\/uploads\/2018\/11\/Promocio\u0301-Sant-Fost-03-300x157.jpg 300w\" sizes=\"auto, (max-width: 600px) 100vw, 600px\" \/><\/a><\/div><div class=\"portfolio-entry-details entry-details wpex-clr\"><h2 class=\"portfolio-entry-title entry-title\"><a href=\"https:\/\/www.garciafaura.com\/fr\/portfolio-item\/logements-sant-fost\/\" title=\"Logements Sant Fost\">Logements Sant Fost<\/a><\/h2><div class=\"portfolio-entry-categories entry-categories wpex-clr\"><a href=\"https:\/\/www.garciafaura.com\/fr\/portfolio-category\/ensembles-residentiels\/\" class=\"term-77\">Ensembles r\u00e9sidentiels<\/a><\/div><\/div><\/div><\/div><div class=\"portfolio-entry vcex-grid-item entry-has-details span_1_of_3 col col-1 vcex-isotope-entry vcex-no-margin-entry post-20388 entry type-portfolio has-media cat-77 translation_priority-5\"><div class=\"portfolio-entry-inner entry-inner wpex-clr\"><div class=\"portfolio-entry-media entry-media wpex-clr\"><a href=\"https:\/\/www.garciafaura.com\/wp-content\/uploads\/2018\/11\/Promocio\u0301-Can-Divi\u0301-02.jpg\" title=\"Promotion Can Div\u00ed\" class=\"portfolio-entry-media-link wpex-lightbox-gallery\" data-gallery=\"[{&quot;src&quot;:&quot;https:\\\/\\\/www.garciafaura.com\\\/wp-content\\\/uploads\\\/2018\\\/11\\\/Promocio\\u0301-Can-Divi\\u0301-01.jpg&quot;,&quot;title&quot;:&quot;Conjunt de treballs d&#039;alumini i vidre en aquesta nova promoci\\u00f3 d&#039;habitatges de Sant Boi&quot;},{&quot;src&quot;:&quot;https:\\\/\\\/www.garciafaura.com\\\/wp-content\\\/uploads\\\/2018\\\/11\\\/Promocio\\u0301-Can-Divi\\u0301-03.jpg&quot;,&quot;title&quot;:&quot;Conjunt de treballs d&#039;alumini i vidre en aquesta nova promoci\\u00f3 d&#039;habitatges de Sant Boi&quot;},{&quot;src&quot;:&quot;https:\\\/\\\/www.garciafaura.com\\\/wp-content\\\/uploads\\\/2018\\\/11\\\/Promocio\\u0301-Can-Divi\\u0301-02.jpg&quot;,&quot;title&quot;:&quot;Ensemble de travaux d&#039;aluminium et verre pour cette nouvelle promotion de logements \\u00e0 Sant Boi de Llobregat&quot;}]\"><img loading=\"lazy\" decoding=\"async\" width=\"600\" height=\"314\" src=\"https:\/\/www.garciafaura.com\/wp-content\/uploads\/2018\/11\/Promocio\u0301-Can-Divi\u0301-02.jpg\" class=\"portfolio-entry-img skip-lazy\" alt=\"Ensemble de travaux d&#039;aluminium et verre pour cette nouvelle promotion de logements \u00e0 Sant Boi de Llobregat\" data-no-lazy=\"1\" srcset=\"https:\/\/www.garciafaura.com\/wp-content\/uploads\/2018\/11\/Promocio\u0301-Can-Divi\u0301-02.jpg 600w, https:\/\/www.garciafaura.com\/wp-content\/uploads\/2018\/11\/Promocio\u0301-Can-Divi\u0301-02-300x157.jpg 300w\" sizes=\"auto, (max-width: 600px) 100vw, 600px\" \/><\/a><\/div><div class=\"portfolio-entry-details entry-details wpex-clr\"><h2 class=\"portfolio-entry-title entry-title\"><a href=\"https:\/\/www.garciafaura.com\/fr\/portfolio-item\/promotion-can-divi\/\" title=\"Promotion Can Div\u00ed\">Promotion Can Div\u00ed<\/a><\/h2><div class=\"portfolio-entry-categories entry-categories wpex-clr\"><a href=\"https:\/\/www.garciafaura.com\/fr\/portfolio-category\/ensembles-residentiels\/\" class=\"term-77\">Ensembles r\u00e9sidentiels<\/a><\/div><\/div><\/div><\/div><div class=\"portfolio-entry vcex-grid-item entry-has-details span_1_of_3 col col-2 vcex-isotope-entry vcex-no-margin-entry post-20385 entry type-portfolio has-media cat-77 translation_priority-5\"><div class=\"portfolio-entry-inner entry-inner wpex-clr\"><div class=\"portfolio-entry-media entry-media wpex-clr\"><a href=\"https:\/\/www.garciafaura.com\/wp-content\/uploads\/2018\/11\/Habitatge-a-Horta-01.jpg\" title=\"Logement \u00e0 Horta\" class=\"portfolio-entry-media-link wpex-lightbox-gallery\" data-gallery=\"[{&quot;src&quot;:&quot;https:\\\/\\\/www.garciafaura.com\\\/wp-content\\\/uploads\\\/2018\\\/11\\\/Habitatge-a-Horta-01.jpg&quot;,&quot;title&quot;:&quot;Installation de portes et fen\\u00eatres en aluminium pour b\\u00e2timent r\\u00e9sidentiel&quot;}]\"><img loading=\"lazy\" decoding=\"async\" width=\"600\" height=\"314\" src=\"https:\/\/www.garciafaura.com\/wp-content\/uploads\/2018\/11\/Habitatge-a-Horta-01.jpg\" class=\"portfolio-entry-img skip-lazy\" alt=\"Installation de portes et fen\u00eatres en aluminium pour b\u00e2timent r\u00e9sidentiel\" data-no-lazy=\"1\" srcset=\"https:\/\/www.garciafaura.com\/wp-content\/uploads\/2018\/11\/Habitatge-a-Horta-01.jpg 600w, https:\/\/www.garciafaura.com\/wp-content\/uploads\/2018\/11\/Habitatge-a-Horta-01-300x157.jpg 300w\" sizes=\"auto, (max-width: 600px) 100vw, 600px\" \/><\/a><\/div><div class=\"portfolio-entry-details entry-details wpex-clr\"><h2 class=\"portfolio-entry-title entry-title\"><a href=\"https:\/\/www.garciafaura.com\/fr\/portfolio-item\/logement-a-horta\/\" title=\"Logement \u00e0 Horta\">Logement \u00e0 Horta<\/a><\/h2><div class=\"portfolio-entry-categories entry-categories wpex-clr\"><a href=\"https:\/\/www.garciafaura.com\/fr\/portfolio-category\/ensembles-residentiels\/\" class=\"term-77\">Ensembles r\u00e9sidentiels<\/a><\/div><\/div><\/div><\/div><div class=\"portfolio-entry vcex-grid-item entry-has-details span_1_of_3 col col-3 vcex-isotope-entry vcex-no-margin-entry post-20386 entry type-portfolio has-media cat-77 translation_priority-5\"><div class=\"portfolio-entry-inner entry-inner wpex-clr\"><div class=\"portfolio-entry-media entry-media wpex-clr\"><a href=\"https:\/\/www.garciafaura.com\/wp-content\/uploads\/2018\/11\/Apartaments-El-Vinyet-01.jpg\" title=\"Appartements El Vinyet\" class=\"portfolio-entry-media-link wpex-lightbox-gallery\" data-gallery=\"[{&quot;src&quot;:&quot;https:\\\/\\\/www.garciafaura.com\\\/wp-content\\\/uploads\\\/2018\\\/11\\\/Apartaments-El-Vinyet-01.jpg&quot;,&quot;title&quot;:&quot;Ensemble de travaux de menuiserie en aluminium et verre pour bloc d&#039;appartements \\u00e0 Sitges&quot;}]\"><img loading=\"lazy\" decoding=\"async\" width=\"600\" height=\"314\" src=\"https:\/\/www.garciafaura.com\/wp-content\/uploads\/2018\/11\/Apartaments-El-Vinyet-01.jpg\" class=\"portfolio-entry-img skip-lazy\" alt=\"Ensemble de travaux de menuiserie en aluminium et verre pour bloc d&#039;appartements \u00e0 Sitges\" data-no-lazy=\"1\" srcset=\"https:\/\/www.garciafaura.com\/wp-content\/uploads\/2018\/11\/Apartaments-El-Vinyet-01.jpg 600w, https:\/\/www.garciafaura.com\/wp-content\/uploads\/2018\/11\/Apartaments-El-Vinyet-01-300x157.jpg 300w\" sizes=\"auto, (max-width: 600px) 100vw, 600px\" \/><\/a><\/div><div class=\"portfolio-entry-details entry-details wpex-clr\"><h2 class=\"portfolio-entry-title entry-title\"><a href=\"https:\/\/www.garciafaura.com\/fr\/portfolio-item\/appartements-el-vinyet\/\" title=\"Appartements El Vinyet\">Appartements El Vinyet<\/a><\/h2><div class=\"portfolio-entry-categories entry-categories wpex-clr\"><a href=\"https:\/\/www.garciafaura.com\/fr\/portfolio-category\/ensembles-residentiels\/\" class=\"term-77\">Ensembles r\u00e9sidentiels<\/a><\/div><\/div><\/div><\/div><div class=\"portfolio-entry vcex-grid-item entry-has-details span_1_of_3 col col-1 vcex-isotope-entry vcex-no-margin-entry post-20387 entry type-portfolio has-media cat-77 cat-72 cat-90 translation_priority-5\"><div class=\"portfolio-entry-inner entry-inner wpex-clr\"><div class=\"portfolio-entry-media entry-media wpex-clr\"><a href=\"https:\/\/www.garciafaura.com\/wp-content\/uploads\/2018\/11\/Rehabilitacio\u0301-Can-Modolell-01.jpg\" title=\"R\u00e9am\u00e9nagement Can Modolell\" class=\"portfolio-entry-media-link wpex-lightbox-gallery\" data-gallery=\"[{&quot;src&quot;:&quot;https:\\\/\\\/www.garciafaura.com\\\/wp-content\\\/uploads\\\/2018\\\/11\\\/Rehabilitacio\\u0301-Can-Modolell-01.jpg&quot;,&quot;title&quot;:&quot;R\\u00e9habilitation int\\u00e9grale de la tour Can Modolell et du nouveau lotissement annexe&quot;},{&quot;src&quot;:&quot;https:\\\/\\\/www.garciafaura.com\\\/wp-content\\\/uploads\\\/2018\\\/11\\\/Rehabilitacio\\u0301-Can-Modolell-02.jpg&quot;,&quot;title&quot;:&quot;Rehabilitaci\\u00f3 integral de la torre Can Modolell i nova urbanitzaci\\u00f3 annexa&quot;}]\"><img loading=\"lazy\" decoding=\"async\" width=\"600\" height=\"314\" src=\"https:\/\/www.garciafaura.com\/wp-content\/uploads\/2018\/11\/Rehabilitacio\u0301-Can-Modolell-01.jpg\" class=\"portfolio-entry-img skip-lazy\" alt=\"R\u00e9habilitation int\u00e9grale de la tour Can Modolell et du nouveau lotissement annexe\" data-no-lazy=\"1\" srcset=\"https:\/\/www.garciafaura.com\/wp-content\/uploads\/2018\/11\/Rehabilitacio\u0301-Can-Modolell-01.jpg 600w, https:\/\/www.garciafaura.com\/wp-content\/uploads\/2018\/11\/Rehabilitacio\u0301-Can-Modolell-01-300x157.jpg 300w\" sizes=\"auto, (max-width: 600px) 100vw, 600px\" \/><\/a><\/div><div class=\"portfolio-entry-details entry-details wpex-clr\"><h2 class=\"portfolio-entry-title entry-title\"><a href=\"https:\/\/www.garciafaura.com\/fr\/portfolio-item\/reamenagement-can-modolell\/\" title=\"R\u00e9am\u00e9nagement Can Modolell\">R\u00e9am\u00e9nagement Can Modolell<\/a><\/h2><div class=\"portfolio-entry-categories entry-categories wpex-clr\"><a href=\"https:\/\/www.garciafaura.com\/fr\/portfolio-category\/ensembles-residentiels\/\" class=\"term-77\">Ensembles r\u00e9sidentiels<\/a><\/div><\/div><\/div><\/div><div class=\"portfolio-entry vcex-grid-item entry-has-details span_1_of_3 col col-2 vcex-isotope-entry vcex-no-margin-entry post-20382 entry type-portfolio has-media cat-77 translation_priority-5\"><div class=\"portfolio-entry-inner entry-inner wpex-clr\"><div class=\"portfolio-entry-media entry-media wpex-clr\"><a href=\"https:\/\/www.garciafaura.com\/wp-content\/uploads\/2018\/11\/Sant-Jaume-Parc-02.jpg\" title=\"Sant Jaume Parc\" class=\"portfolio-entry-media-link wpex-lightbox-gallery\" data-gallery=\"[{&quot;src&quot;:&quot;https:\\\/\\\/www.garciafaura.com\\\/wp-content\\\/uploads\\\/2018\\\/11\\\/Sant-Jaume-Parc-01.jpg&quot;,&quot;title&quot;:&quot;Treballs de fusteria d&#039;alumini en conjunt residencial de 8 blocs d&#039;habitatges&quot;},{&quot;src&quot;:&quot;https:\\\/\\\/www.garciafaura.com\\\/wp-content\\\/uploads\\\/2018\\\/11\\\/Sant-Jaume-Parc-02.jpg&quot;,&quot;title&quot;:&quot;Travaux de menuiserie en aluminium pour ensemble r\\u00e9sidentiel de 8 blocs de logements&quot;}]\"><img loading=\"lazy\" decoding=\"async\" width=\"600\" height=\"314\" src=\"https:\/\/www.garciafaura.com\/wp-content\/uploads\/2018\/11\/Sant-Jaume-Parc-02.jpg\" class=\"portfolio-entry-img skip-lazy\" alt=\"Travaux de menuiserie en aluminium pour ensemble r\u00e9sidentiel de 8 blocs de logements\" data-no-lazy=\"1\" srcset=\"https:\/\/www.garciafaura.com\/wp-content\/uploads\/2018\/11\/Sant-Jaume-Parc-02.jpg 600w, https:\/\/www.garciafaura.com\/wp-content\/uploads\/2018\/11\/Sant-Jaume-Parc-02-300x157.jpg 300w\" sizes=\"auto, (max-width: 600px) 100vw, 600px\" \/><\/a><\/div><div class=\"portfolio-entry-details entry-details wpex-clr\"><h2 class=\"portfolio-entry-title entry-title\"><a href=\"https:\/\/www.garciafaura.com\/fr\/portfolio-item\/sant-jaume-parc\/\" title=\"Sant Jaume Parc\">Sant Jaume Parc<\/a><\/h2><div class=\"portfolio-entry-categories entry-categories wpex-clr\"><a href=\"https:\/\/www.garciafaura.com\/fr\/portfolio-category\/ensembles-residentiels\/\" class=\"term-77\">Ensembles r\u00e9sidentiels<\/a><\/div><\/div><\/div><\/div><div class=\"portfolio-entry vcex-grid-item entry-has-details span_1_of_3 col col-3 vcex-isotope-entry vcex-no-margin-entry post-20383 entry type-portfolio has-media cat-77 translation_priority-5\"><div class=\"portfolio-entry-inner entry-inner wpex-clr\"><div class=\"portfolio-entry-media entry-media wpex-clr\"><a href=\"https:\/\/www.garciafaura.com\/wp-content\/uploads\/2018\/11\/Residencial-El-Pla-01.jpg\" title=\"Lotissement El Pla\" class=\"portfolio-entry-media-link wpex-lightbox-gallery\" data-gallery=\"[{&quot;src&quot;:&quot;https:\\\/\\\/www.garciafaura.com\\\/wp-content\\\/uploads\\\/2018\\\/11\\\/Residencial-El-Pla-01.jpg&quot;,&quot;title&quot;:&quot;Fermetures int\\u00e9rieures et ext\\u00e9rieurs pour cette promotion de 200 logements&quot;}]\"><img loading=\"lazy\" decoding=\"async\" width=\"600\" height=\"314\" src=\"https:\/\/www.garciafaura.com\/wp-content\/uploads\/2018\/11\/Residencial-El-Pla-01.jpg\" class=\"portfolio-entry-img skip-lazy\" alt=\"Fermetures int\u00e9rieures et ext\u00e9rieurs pour cette promotion de 200 logements\" data-no-lazy=\"1\" srcset=\"https:\/\/www.garciafaura.com\/wp-content\/uploads\/2018\/11\/Residencial-El-Pla-01.jpg 600w, https:\/\/www.garciafaura.com\/wp-content\/uploads\/2018\/11\/Residencial-El-Pla-01-300x157.jpg 300w\" sizes=\"auto, (max-width: 600px) 100vw, 600px\" \/><\/a><\/div><div class=\"portfolio-entry-details entry-details wpex-clr\"><h2 class=\"portfolio-entry-title entry-title\"><a href=\"https:\/\/www.garciafaura.com\/fr\/portfolio-item\/lotissement-el-pla\/\" title=\"Lotissement El Pla\">Lotissement El Pla<\/a><\/h2><div class=\"portfolio-entry-categories entry-categories wpex-clr\"><a href=\"https:\/\/www.garciafaura.com\/fr\/portfolio-category\/ensembles-residentiels\/\" class=\"term-77\">Ensembles r\u00e9sidentiels<\/a><\/div><\/div><\/div><\/div><div class=\"portfolio-entry vcex-grid-item entry-has-details span_1_of_3 col col-1 vcex-isotope-entry vcex-no-margin-entry post-20381 entry type-portfolio has-media cat-77 translation_priority-5\"><div class=\"portfolio-entry-inner entry-inner wpex-clr\"><div class=\"portfolio-entry-media entry-media wpex-clr\"><a href=\"https:\/\/www.garciafaura.com\/wp-content\/uploads\/2018\/11\/Residencial-Sarria\u0300-01-1.jpg\" title=\"Promotion Sarri\u00e0\" class=\"portfolio-entry-media-link wpex-lightbox-gallery\" data-gallery=\"[{&quot;src&quot;:&quot;https:\\\/\\\/www.garciafaura.com\\\/wp-content\\\/uploads\\\/2018\\\/11\\\/Residencial-Sarria\\u0300-01-1.jpg&quot;,&quot;title&quot;:&quot;Installation de portes et fen\\u00eatres en aluminium pour b\\u00e2timent r\\u00e9sidentiel&quot;}]\"><img loading=\"lazy\" decoding=\"async\" width=\"600\" height=\"314\" src=\"https:\/\/www.garciafaura.com\/wp-content\/uploads\/2018\/11\/Residencial-Sarria\u0300-01-1.jpg\" class=\"portfolio-entry-img skip-lazy\" alt=\"Installation de portes et fen\u00eatres en aluminium pour b\u00e2timent r\u00e9sidentiel\" data-no-lazy=\"1\" srcset=\"https:\/\/www.garciafaura.com\/wp-content\/uploads\/2018\/11\/Residencial-Sarria\u0300-01-1.jpg 600w, https:\/\/www.garciafaura.com\/wp-content\/uploads\/2018\/11\/Residencial-Sarria\u0300-01-1-300x157.jpg 300w\" sizes=\"auto, (max-width: 600px) 100vw, 600px\" \/><\/a><\/div><div class=\"portfolio-entry-details entry-details wpex-clr\"><h2 class=\"portfolio-entry-title entry-title\"><a href=\"https:\/\/www.garciafaura.com\/fr\/portfolio-item\/promotion-sarria\/\" title=\"Promotion Sarri\u00e0\">Promotion Sarri\u00e0<\/a><\/h2><div class=\"portfolio-entry-categories entry-categories wpex-clr\"><a href=\"https:\/\/www.garciafaura.com\/fr\/portfolio-category\/ensembles-residentiels\/\" class=\"term-77\">Ensembles r\u00e9sidentiels<\/a><\/div><\/div><\/div><\/div><div class=\"portfolio-entry vcex-grid-item entry-has-details span_1_of_3 col col-2 vcex-isotope-entry vcex-no-margin-entry post-20376 entry type-portfolio has-media cat-77 translation_priority-5\"><div class=\"portfolio-entry-inner entry-inner wpex-clr\"><div class=\"portfolio-entry-media entry-media wpex-clr\"><a href=\"https:\/\/www.garciafaura.com\/wp-content\/uploads\/2018\/11\/Residencial-Trac\u0327at-01.jpg\" title=\"Lotissement Tra\u00e7at\" class=\"portfolio-entry-media-link wpex-lightbox-gallery\" data-gallery=\"[{&quot;src&quot;:&quot;https:\\\/\\\/www.garciafaura.com\\\/wp-content\\\/uploads\\\/2018\\\/11\\\/Residencial-Trac\\u0327at-01.jpg&quot;,&quot;title&quot;:&quot;Fabrication et installation de menuiserie en aluminium et verre pour lotissement \\u00e0 Tarragona&quot;},{&quot;src&quot;:&quot;https:\\\/\\\/www.garciafaura.com\\\/wp-content\\\/uploads\\\/2018\\\/11\\\/Residencial-Trac\\u0327at-10.jpg&quot;,&quot;title&quot;:&quot;Fabricaci\\u00f3 i instal\\u00b7laci\\u00f3 de fusteria d&#039;alumini i vidrieria en\\u00a0urbanitzaci\\u00f3 de Tarragona&quot;},{&quot;src&quot;:&quot;https:\\\/\\\/www.garciafaura.com\\\/wp-content\\\/uploads\\\/2018\\\/11\\\/Residencial-Trac\\u0327at-09.jpg&quot;,&quot;title&quot;:&quot;Fabricaci\\u00f3 i instal\\u00b7laci\\u00f3 de fusteria d&#039;alumini i vidrieria en\\u00a0urbanitzaci\\u00f3 de Tarragona&quot;},{&quot;src&quot;:&quot;https:\\\/\\\/www.garciafaura.com\\\/wp-content\\\/uploads\\\/2018\\\/11\\\/Residencial-Trac\\u0327at-08.jpg&quot;,&quot;title&quot;:&quot;Fabricaci\\u00f3 i instal\\u00b7laci\\u00f3 de fusteria d&#039;alumini i vidrieria en\\u00a0urbanitzaci\\u00f3 de Tarragona&quot;},{&quot;src&quot;:&quot;https:\\\/\\\/www.garciafaura.com\\\/wp-content\\\/uploads\\\/2018\\\/11\\\/Residencial-Trac\\u0327at-07.jpg&quot;,&quot;title&quot;:&quot;Fabricaci\\u00f3 i instal\\u00b7laci\\u00f3 de fusteria d&#039;alumini i vidrieria en\\u00a0urbanitzaci\\u00f3 de Tarragona&quot;},{&quot;src&quot;:&quot;https:\\\/\\\/www.garciafaura.com\\\/wp-content\\\/uploads\\\/2018\\\/11\\\/Residencial-Trac\\u0327at-06.jpg&quot;,&quot;title&quot;:&quot;Fabricaci\\u00f3 i instal\\u00b7laci\\u00f3 de fusteria d&#039;alumini i vidrieria en\\u00a0urbanitzaci\\u00f3 de Tarragona&quot;},{&quot;src&quot;:&quot;https:\\\/\\\/www.garciafaura.com\\\/wp-content\\\/uploads\\\/2018\\\/11\\\/Residencial-Trac\\u0327at-05.jpg&quot;,&quot;title&quot;:&quot;Fabricaci\\u00f3 i instal\\u00b7laci\\u00f3 de fusteria d&#039;alumini i vidrieria en\\u00a0urbanitzaci\\u00f3 de Tarragona&quot;},{&quot;src&quot;:&quot;https:\\\/\\\/www.garciafaura.com\\\/wp-content\\\/uploads\\\/2018\\\/11\\\/Residencial-Trac\\u0327at-04.jpg&quot;,&quot;title&quot;:&quot;Fabricaci\\u00f3 i instal\\u00b7laci\\u00f3 de fusteria d&#039;alumini i vidrieria en\\u00a0urbanitzaci\\u00f3 de Tarragona&quot;},{&quot;src&quot;:&quot;https:\\\/\\\/www.garciafaura.com\\\/wp-content\\\/uploads\\\/2018\\\/11\\\/Residencial-Trac\\u0327at-03.jpg&quot;,&quot;title&quot;:&quot;Fabricaci\\u00f3 i instal\\u00b7laci\\u00f3 de fusteria d&#039;alumini i vidrieria en\\u00a0urbanitzaci\\u00f3 de Tarragona&quot;},{&quot;src&quot;:&quot;https:\\\/\\\/www.garciafaura.com\\\/wp-content\\\/uploads\\\/2018\\\/11\\\/Residencial-Trac\\u0327at-02.jpg&quot;,&quot;title&quot;:&quot;Fabricaci\\u00f3 i instal\\u00b7laci\\u00f3 de fusteria d&#039;alumini i vidrieria en\\u00a0urbanitzaci\\u00f3 de Tarragona&quot;}]\"><img loading=\"lazy\" decoding=\"async\" width=\"600\" height=\"314\" src=\"https:\/\/www.garciafaura.com\/wp-content\/uploads\/2018\/11\/Residencial-Trac\u0327at-01.jpg\" class=\"portfolio-entry-img skip-lazy\" alt=\"Fabrication et installation de menuiserie en aluminium et verre pour lotissement \u00e0 Tarragona\" data-no-lazy=\"1\" srcset=\"https:\/\/www.garciafaura.com\/wp-content\/uploads\/2018\/11\/Residencial-Trac\u0327at-01.jpg 600w, https:\/\/www.garciafaura.com\/wp-content\/uploads\/2018\/11\/Residencial-Trac\u0327at-01-300x157.jpg 300w\" sizes=\"auto, (max-width: 600px) 100vw, 600px\" \/><\/a><\/div><div class=\"portfolio-entry-details entry-details wpex-clr\"><h2 class=\"portfolio-entry-title entry-title\"><a href=\"https:\/\/www.garciafaura.com\/fr\/portfolio-item\/lotissement-tracat\/\" title=\"Lotissement Tra\u00e7at\">Lotissement Tra\u00e7at<\/a><\/h2><div class=\"portfolio-entry-categories entry-categories wpex-clr\"><a href=\"https:\/\/www.garciafaura.com\/fr\/portfolio-category\/ensembles-residentiels\/\" class=\"term-77\">Ensembles r\u00e9sidentiels<\/a><\/div><\/div><\/div><\/div><div class=\"portfolio-entry vcex-grid-item entry-has-details span_1_of_3 col col-3 vcex-isotope-entry vcex-no-margin-entry post-20373 entry type-portfolio has-media cat-77 translation_priority-5\"><div class=\"portfolio-entry-inner entry-inner wpex-clr\"><div class=\"portfolio-entry-media entry-media wpex-clr\"><a href=\"https:\/\/www.garciafaura.com\/wp-content\/uploads\/2018\/11\/Promocio\u0301-carrer-Centre-05.jpg\" title=\"Promotion Centre\" class=\"portfolio-entry-media-link wpex-lightbox-gallery\" data-gallery=\"[{&quot;src&quot;:&quot;https:\\\/\\\/www.garciafaura.com\\\/wp-content\\\/uploads\\\/2018\\\/11\\\/Promocio\\u0301-carrer-Centre-01.jpg&quot;,&quot;title&quot;:&quot;Finestres i balconeres d&#039;alumini d&#039;aquest conjunt residencial de Gav\\u00e0&quot;},{&quot;src&quot;:&quot;https:\\\/\\\/www.garciafaura.com\\\/wp-content\\\/uploads\\\/2018\\\/11\\\/Promocio\\u0301-carrer-Centre-04.jpg&quot;,&quot;title&quot;:&quot;Finestres i balconeres d&#039;alumini d&#039;aquest conjunt residencial de Gav\\u00e0&quot;},{&quot;src&quot;:&quot;https:\\\/\\\/www.garciafaura.com\\\/wp-content\\\/uploads\\\/2018\\\/11\\\/Promocio\\u0301-carrer-Centre-03.jpg&quot;,&quot;title&quot;:&quot;Finestres i balconeres d&#039;alumini d&#039;aquest conjunt residencial de Gav\\u00e0&quot;},{&quot;src&quot;:&quot;https:\\\/\\\/www.garciafaura.com\\\/wp-content\\\/uploads\\\/2018\\\/11\\\/Promocio\\u0301-carrer-Centre-02.jpg&quot;,&quot;title&quot;:&quot;Finestres i balconeres d&#039;alumini d&#039;aquest conjunt residencial de Gav\\u00e0&quot;}]\"><img loading=\"lazy\" decoding=\"async\" width=\"600\" height=\"314\" src=\"https:\/\/www.garciafaura.com\/wp-content\/uploads\/2018\/11\/Promocio\u0301-carrer-Centre-05.jpg\" class=\"portfolio-entry-img skip-lazy\" alt=\"Fen\u00eatres et porte-fen\u00eatres en aluminium pour cet ensemble r\u00e9sidentiel \u00e0 Gav\u00e0\" data-no-lazy=\"1\" srcset=\"https:\/\/www.garciafaura.com\/wp-content\/uploads\/2018\/11\/Promocio\u0301-carrer-Centre-05.jpg 600w, https:\/\/www.garciafaura.com\/wp-content\/uploads\/2018\/11\/Promocio\u0301-carrer-Centre-05-300x157.jpg 300w\" sizes=\"auto, (max-width: 600px) 100vw, 600px\" \/><\/a><\/div><div class=\"portfolio-entry-details entry-details wpex-clr\"><h2 class=\"portfolio-entry-title entry-title\"><a href=\"https:\/\/www.garciafaura.com\/fr\/portfolio-item\/promotion-centre\/\" title=\"Promotion Centre\">Promotion Centre<\/a><\/h2><div class=\"portfolio-entry-categories entry-categories wpex-clr\"><a href=\"https:\/\/www.garciafaura.com\/fr\/portfolio-category\/ensembles-residentiels\/\" class=\"term-77\">Ensembles r\u00e9sidentiels<\/a><\/div><\/div><\/div><\/div><div class=\"portfolio-entry vcex-grid-item entry-has-details span_1_of_3 col col-1 vcex-isotope-entry vcex-no-margin-entry post-20374 entry type-portfolio has-media cat-77 translation_priority-5\"><div class=\"portfolio-entry-inner entry-inner wpex-clr\"><div class=\"portfolio-entry-media entry-media wpex-clr\"><a href=\"https:\/\/www.garciafaura.com\/wp-content\/uploads\/2018\/11\/Promocio\u0301-carrer-Sant-Nicasi-01.jpg\" title=\"Promotion Sant Nicasi\" class=\"portfolio-entry-media-link wpex-lightbox-gallery\" data-gallery=\"[{&quot;src&quot;:&quot;https:\\\/\\\/www.garciafaura.com\\\/wp-content\\\/uploads\\\/2018\\\/11\\\/Promocio\\u0301-carrer-Sant-Nicasi-01.jpg&quot;,&quot;title&quot;:&quot;Fen\\u00eatres et porte-fen\\u00eatres en aluminium pour cet ensemble r\\u00e9sidentiel \\u00e0 Gav\\u00e0&quot;},{&quot;src&quot;:&quot;https:\\\/\\\/www.garciafaura.com\\\/wp-content\\\/uploads\\\/2018\\\/11\\\/Promocio\\u0301-carrer-Sant-Nicasi-07.jpg&quot;,&quot;title&quot;:&quot;Finestres i balconeres d&#039;alumini d&#039;aquest conjunt residencial de Gav\\u00e0Finestres i balconeres d&#039;alumini d&#039;aquest conjunt residencial de Gav\\u00e0&quot;},{&quot;src&quot;:&quot;https:\\\/\\\/www.garciafaura.com\\\/wp-content\\\/uploads\\\/2018\\\/11\\\/Promocio\\u0301-carrer-Sant-Nicasi-06.jpg&quot;,&quot;title&quot;:&quot;Finestres i balconeres d&#039;alumini d&#039;aquest conjunt residencial de Gav\\u00e0&quot;},{&quot;src&quot;:&quot;https:\\\/\\\/www.garciafaura.com\\\/wp-content\\\/uploads\\\/2018\\\/11\\\/Promocio\\u0301-carrer-Sant-Nicasi-05.jpg&quot;,&quot;title&quot;:&quot;Finestres i balconeres d&#039;alumini d&#039;aquest conjunt residencial de Gav\\u00e0&quot;},{&quot;src&quot;:&quot;https:\\\/\\\/www.garciafaura.com\\\/wp-content\\\/uploads\\\/2018\\\/11\\\/Promocio\\u0301-carrer-Sant-Nicasi-04.jpg&quot;,&quot;title&quot;:&quot;Finestres i balconeres d&#039;alumini d&#039;aquest conjunt residencial de Gav\\u00e0&quot;},{&quot;src&quot;:&quot;https:\\\/\\\/www.garciafaura.com\\\/wp-content\\\/uploads\\\/2018\\\/11\\\/Promocio\\u0301-carrer-Sant-Nicasi-03.jpg&quot;,&quot;title&quot;:&quot;Finestres i balconeres d&#039;alumini d&#039;aquest conjunt residencial de Gav\\u00e0&quot;},{&quot;src&quot;:&quot;https:\\\/\\\/www.garciafaura.com\\\/wp-content\\\/uploads\\\/2018\\\/11\\\/Promocio\\u0301-carrer-Sant-Nicasi-02.jpg&quot;,&quot;title&quot;:&quot;Finestres i balconeres d&#039;alumini d&#039;aquest conjunt residencial de Gav\\u00e0&quot;}]\"><img loading=\"lazy\" decoding=\"async\" width=\"600\" height=\"314\" src=\"https:\/\/www.garciafaura.com\/wp-content\/uploads\/2018\/11\/Promocio\u0301-carrer-Sant-Nicasi-01.jpg\" class=\"portfolio-entry-img skip-lazy\" alt=\"Fen\u00eatres et porte-fen\u00eatres en aluminium pour cet ensemble r\u00e9sidentiel \u00e0 Gav\u00e0\" data-no-lazy=\"1\" srcset=\"https:\/\/www.garciafaura.com\/wp-content\/uploads\/2018\/11\/Promocio\u0301-carrer-Sant-Nicasi-01.jpg 600w, https:\/\/www.garciafaura.com\/wp-content\/uploads\/2018\/11\/Promocio\u0301-carrer-Sant-Nicasi-01-300x157.jpg 300w\" sizes=\"auto, (max-width: 600px) 100vw, 600px\" \/><\/a><\/div><div class=\"portfolio-entry-details entry-details wpex-clr\"><h2 class=\"portfolio-entry-title entry-title\"><a href=\"https:\/\/www.garciafaura.com\/fr\/portfolio-item\/promotion-sant-nicasi\/\" title=\"Promotion Sant Nicasi\">Promotion Sant Nicasi<\/a><\/h2><div class=\"portfolio-entry-categories entry-categories wpex-clr\"><a href=\"https:\/\/www.garciafaura.com\/fr\/portfolio-category\/ensembles-residentiels\/\" class=\"term-77\">Ensembles r\u00e9sidentiels<\/a><\/div><\/div><\/div><\/div><div class=\"portfolio-entry vcex-grid-item entry-has-details span_1_of_3 col col-2 vcex-isotope-entry vcex-no-margin-entry post-20370 entry type-portfolio has-media cat-77 translation_priority-5\"><div class=\"portfolio-entry-inner entry-inner wpex-clr\"><div class=\"portfolio-entry-media entry-media wpex-clr\"><a href=\"https:\/\/www.garciafaura.com\/wp-content\/uploads\/2018\/11\/Gava\u0300-carretera-01.jpg\" title=\"Promotion Carretera Gav\u00e0 2\" class=\"portfolio-entry-media-link wpex-lightbox-gallery\" data-gallery=\"[{&quot;src&quot;:&quot;https:\\\/\\\/www.garciafaura.com\\\/wp-content\\\/uploads\\\/2018\\\/11\\\/Gava\\u0300-carretera-01.jpg&quot;,&quot;title&quot;:&quot;Fa\\u00e7ade et fermetures en aluminium et verre \\u00e0 Gav\\u00e0&quot;},{&quot;src&quot;:&quot;https:\\\/\\\/www.garciafaura.com\\\/wp-content\\\/uploads\\\/2018\\\/11\\\/Gava\\u0300-carretera-04.jpg&quot;,&quot;title&quot;:&quot;Fa\\u00e7ana i tancaments en alumini i vidre a Gav\\u00e0&quot;},{&quot;src&quot;:&quot;https:\\\/\\\/www.garciafaura.com\\\/wp-content\\\/uploads\\\/2018\\\/11\\\/Gava\\u0300-carretera-03.jpg&quot;,&quot;title&quot;:&quot;Fa\\u00e7ana i tancaments en alumini i vidre a Gav\\u00e0&quot;},{&quot;src&quot;:&quot;https:\\\/\\\/www.garciafaura.com\\\/wp-content\\\/uploads\\\/2018\\\/11\\\/Gava\\u0300-carretera-02.jpg&quot;,&quot;title&quot;:&quot;Fa\\u00e7ana i tancaments en alumini i vidre a Gav\\u00e0&quot;}]\"><img loading=\"lazy\" decoding=\"async\" width=\"600\" height=\"314\" src=\"https:\/\/www.garciafaura.com\/wp-content\/uploads\/2018\/11\/Gava\u0300-carretera-01.jpg\" class=\"portfolio-entry-img skip-lazy\" alt=\"Fa\u00e7ade et fermetures en aluminium et verre \u00e0 Gav\u00e0\" data-no-lazy=\"1\" srcset=\"https:\/\/www.garciafaura.com\/wp-content\/uploads\/2018\/11\/Gava\u0300-carretera-01.jpg 600w, https:\/\/www.garciafaura.com\/wp-content\/uploads\/2018\/11\/Gava\u0300-carretera-01-300x157.jpg 300w\" sizes=\"auto, (max-width: 600px) 100vw, 600px\" \/><\/a><\/div><div class=\"portfolio-entry-details entry-details wpex-clr\"><h2 class=\"portfolio-entry-title entry-title\"><a href=\"https:\/\/www.garciafaura.com\/fr\/portfolio-item\/promotion-carretera-gava-2\/\" title=\"Promotion Carretera Gav\u00e0 2\">Promotion Carretera Gav\u00e0 2<\/a><\/h2><div class=\"portfolio-entry-categories entry-categories wpex-clr\"><a href=\"https:\/\/www.garciafaura.com\/fr\/portfolio-category\/ensembles-residentiels\/\" class=\"term-77\">Ensembles r\u00e9sidentiels<\/a><\/div><\/div><\/div><\/div><div class=\"portfolio-entry vcex-grid-item entry-has-details span_1_of_3 col col-3 vcex-isotope-entry vcex-no-margin-entry post-20371 entry type-portfolio has-media cat-77 translation_priority-5\"><div class=\"portfolio-entry-inner entry-inner wpex-clr\"><div class=\"portfolio-entry-media entry-media wpex-clr\"><a href=\"https:\/\/www.garciafaura.com\/wp-content\/uploads\/2018\/11\/Promocio\u0301-carrer-Rius-i-Taulet-01.jpg\" title=\"Promotion Rius i Taulet\" class=\"portfolio-entry-media-link wpex-lightbox-gallery\" data-gallery=\"[{&quot;src&quot;:&quot;https:\\\/\\\/www.garciafaura.com\\\/wp-content\\\/uploads\\\/2018\\\/11\\\/Promocio\\u0301-carrer-Rius-i-Taulet-01.jpg&quot;,&quot;title&quot;:&quot;Fen\\u00eatres et porte-fen\\u00eatres en aluminium pour cet ensemble r\\u00e9sidentiel \\u00e0 Gav\\u00e0&quot;},{&quot;src&quot;:&quot;https:\\\/\\\/www.garciafaura.com\\\/wp-content\\\/uploads\\\/2018\\\/11\\\/Promocio\\u0301-carrer-Rius-i-Taulet-05.jpg&quot;,&quot;title&quot;:&quot;Finestres i balconeres d&#039;alumini d&#039;aquest conjunt residencial de Gav\\u00e0&quot;},{&quot;src&quot;:&quot;https:\\\/\\\/www.garciafaura.com\\\/wp-content\\\/uploads\\\/2018\\\/11\\\/Promocio\\u0301-carrer-Rius-i-Taulet-04.jpg&quot;,&quot;title&quot;:&quot;Finestres i balconeres d&#039;alumini d&#039;aquest conjunt residencial de Gav\\u00e0&quot;},{&quot;src&quot;:&quot;https:\\\/\\\/www.garciafaura.com\\\/wp-content\\\/uploads\\\/2018\\\/11\\\/Promocio\\u0301-carrer-Rius-i-Taulet-03.jpg&quot;,&quot;title&quot;:&quot;Finestres i balconeres d&#039;alumini d&#039;aquest conjunt residencial de Gav\\u00e0&quot;},{&quot;src&quot;:&quot;https:\\\/\\\/www.garciafaura.com\\\/wp-content\\\/uploads\\\/2018\\\/11\\\/Promocio\\u0301-carrer-Rius-i-Taulet-02.jpg&quot;,&quot;title&quot;:&quot;Finestres i balconeres d&#039;alumini d&#039;aquest conjunt residencial de Gav\\u00e0&quot;}]\"><img loading=\"lazy\" decoding=\"async\" width=\"600\" height=\"314\" src=\"https:\/\/www.garciafaura.com\/wp-content\/uploads\/2018\/11\/Promocio\u0301-carrer-Rius-i-Taulet-01.jpg\" class=\"portfolio-entry-img skip-lazy\" alt=\"Fen\u00eatres et porte-fen\u00eatres en aluminium pour cet ensemble r\u00e9sidentiel \u00e0 Gav\u00e0\" data-no-lazy=\"1\" srcset=\"https:\/\/www.garciafaura.com\/wp-content\/uploads\/2018\/11\/Promocio\u0301-carrer-Rius-i-Taulet-01.jpg 600w, https:\/\/www.garciafaura.com\/wp-content\/uploads\/2018\/11\/Promocio\u0301-carrer-Rius-i-Taulet-01-300x157.jpg 300w\" sizes=\"auto, (max-width: 600px) 100vw, 600px\" \/><\/a><\/div><div class=\"portfolio-entry-details entry-details wpex-clr\"><h2 class=\"portfolio-entry-title entry-title\"><a href=\"https:\/\/www.garciafaura.com\/fr\/portfolio-item\/promotion-rius-i-taulet\/\" title=\"Promotion Rius i Taulet\">Promotion Rius i Taulet<\/a><\/h2><div class=\"portfolio-entry-categories entry-categories wpex-clr\"><a href=\"https:\/\/www.garciafaura.com\/fr\/portfolio-category\/ensembles-residentiels\/\" class=\"term-77\">Ensembles r\u00e9sidentiels<\/a><\/div><\/div><\/div><\/div><div class=\"portfolio-entry vcex-grid-item entry-has-details span_1_of_3 col col-1 vcex-isotope-entry vcex-no-margin-entry post-20372 entry type-portfolio has-media cat-77 translation_priority-5\"><div class=\"portfolio-entry-inner entry-inner wpex-clr\"><div class=\"portfolio-entry-media entry-media wpex-clr\"><a href=\"https:\/\/www.garciafaura.com\/wp-content\/uploads\/2018\/11\/Promocio\u0301-carrer-Major-02.jpg\" title=\"Promotion calle Major\" class=\"portfolio-entry-media-link wpex-lightbox-gallery\" data-gallery=\"[{&quot;src&quot;:&quot;https:\\\/\\\/www.garciafaura.com\\\/wp-content\\\/uploads\\\/2018\\\/11\\\/Promocio\\u0301-carrer-Major-01.jpg&quot;,&quot;title&quot;:&quot;Finestres i balconeres d&#039;alumini d&#039;aquest conjunt residencial de Gav\\u00e0&quot;},{&quot;src&quot;:&quot;https:\\\/\\\/www.garciafaura.com\\\/wp-content\\\/uploads\\\/2018\\\/11\\\/Promocio\\u0301-carrer-Major-05.jpg&quot;,&quot;title&quot;:&quot;Finestres i balconeres d&#039;alumini d&#039;aquest conjunt residencial de Gav\\u00e0&quot;},{&quot;src&quot;:&quot;https:\\\/\\\/www.garciafaura.com\\\/wp-content\\\/uploads\\\/2018\\\/11\\\/Promocio\\u0301-carrer-Major-04.jpg&quot;,&quot;title&quot;:&quot;Finestres i balconeres d&#039;alumini d&#039;aquest conjunt residencial de Gav\\u00e0&quot;},{&quot;src&quot;:&quot;https:\\\/\\\/www.garciafaura.com\\\/wp-content\\\/uploads\\\/2018\\\/11\\\/Promocio\\u0301-carrer-Major-03.jpg&quot;,&quot;title&quot;:&quot;Finestres i balconeres d&#039;alumini d&#039;aquest conjunt residencial de Gav\\u00e0&quot;},{&quot;src&quot;:&quot;https:\\\/\\\/www.garciafaura.com\\\/wp-content\\\/uploads\\\/2018\\\/11\\\/Promocio\\u0301-carrer-Major-02.jpg&quot;,&quot;title&quot;:&quot;Fen\\u00eatres et porte-fen\\u00eatres en aluminium pour cet ensemble r\\u00e9sidentiel \\u00e0 Gav\\u00e0&quot;}]\"><img loading=\"lazy\" decoding=\"async\" width=\"600\" height=\"314\" src=\"https:\/\/www.garciafaura.com\/wp-content\/uploads\/2018\/11\/Promocio\u0301-carrer-Major-02.jpg\" class=\"portfolio-entry-img skip-lazy\" alt=\"Fen\u00eatres et porte-fen\u00eatres en aluminium pour cet ensemble r\u00e9sidentiel \u00e0 Gav\u00e0\" data-no-lazy=\"1\" srcset=\"https:\/\/www.garciafaura.com\/wp-content\/uploads\/2018\/11\/Promocio\u0301-carrer-Major-02.jpg 600w, https:\/\/www.garciafaura.com\/wp-content\/uploads\/2018\/11\/Promocio\u0301-carrer-Major-02-300x157.jpg 300w\" sizes=\"auto, (max-width: 600px) 100vw, 600px\" \/><\/a><\/div><div class=\"portfolio-entry-details entry-details wpex-clr\"><h2 class=\"portfolio-entry-title entry-title\"><a href=\"https:\/\/www.garciafaura.com\/fr\/portfolio-item\/promotion-calle-major\/\" title=\"Promotion calle Major\">Promotion calle Major<\/a><\/h2><div class=\"portfolio-entry-categories entry-categories wpex-clr\"><a href=\"https:\/\/www.garciafaura.com\/fr\/portfolio-category\/ensembles-residentiels\/\" class=\"term-77\">Ensembles r\u00e9sidentiels<\/a><\/div><\/div><\/div><\/div><div class=\"portfolio-entry vcex-grid-item entry-has-details span_1_of_3 col col-2 vcex-isotope-entry vcex-no-margin-entry post-20367 entry type-portfolio has-media cat-77 translation_priority-5\"><div class=\"portfolio-entry-inner entry-inner wpex-clr\"><div class=\"portfolio-entry-media entry-media wpex-clr\"><a href=\"https:\/\/www.garciafaura.com\/wp-content\/uploads\/2018\/11\/Promocio\u0301-carrer-Indu\u0301stria-01.jpg\" title=\"Promotion calle Ind\u00fastria\" class=\"portfolio-entry-media-link wpex-lightbox-gallery\" data-gallery=\"[{&quot;src&quot;:&quot;https:\\\/\\\/www.garciafaura.com\\\/wp-content\\\/uploads\\\/2018\\\/11\\\/Promocio\\u0301-carrer-Indu\\u0301stria-01.jpg&quot;,&quot;title&quot;:&quot;Fen\\u00eatres et porte-fen\\u00eatres en aluminium pour cet ensemble r\\u00e9sidentiel \\u00e0 Gav\\u00e0&quot;},{&quot;src&quot;:&quot;https:\\\/\\\/www.garciafaura.com\\\/wp-content\\\/uploads\\\/2018\\\/11\\\/Promocio\\u0301-carrer-Indu\\u0301stria-03.jpg&quot;,&quot;title&quot;:&quot;Finestres i balconeres d&#039;alumini d&#039;aquest conjunt residencial de Gav\\u00e0&quot;},{&quot;src&quot;:&quot;https:\\\/\\\/www.garciafaura.com\\\/wp-content\\\/uploads\\\/2018\\\/11\\\/Promocio\\u0301-carrer-Indu\\u0301stria-02.jpg&quot;,&quot;title&quot;:&quot;Finestres i balconeres d&#039;alumini d&#039;aquest conjunt residencial de Gav\\u00e0&quot;}]\"><img loading=\"lazy\" decoding=\"async\" width=\"600\" height=\"314\" src=\"https:\/\/www.garciafaura.com\/wp-content\/uploads\/2018\/11\/Promocio\u0301-carrer-Indu\u0301stria-01.jpg\" class=\"portfolio-entry-img skip-lazy\" alt=\"Fen\u00eatres et porte-fen\u00eatres en aluminium pour cet ensemble r\u00e9sidentiel \u00e0 Gav\u00e0\" data-no-lazy=\"1\" srcset=\"https:\/\/www.garciafaura.com\/wp-content\/uploads\/2018\/11\/Promocio\u0301-carrer-Indu\u0301stria-01.jpg 600w, https:\/\/www.garciafaura.com\/wp-content\/uploads\/2018\/11\/Promocio\u0301-carrer-Indu\u0301stria-01-300x157.jpg 300w\" sizes=\"auto, (max-width: 600px) 100vw, 600px\" \/><\/a><\/div><div class=\"portfolio-entry-details entry-details wpex-clr\"><h2 class=\"portfolio-entry-title entry-title\"><a href=\"https:\/\/www.garciafaura.com\/fr\/portfolio-item\/promotion-calle-industria\/\" title=\"Promotion calle Ind\u00fastria\">Promotion calle Ind\u00fastria<\/a><\/h2><div class=\"portfolio-entry-categories entry-categories wpex-clr\"><a href=\"https:\/\/www.garciafaura.com\/fr\/portfolio-category\/ensembles-residentiels\/\" class=\"term-77\">Ensembles r\u00e9sidentiels<\/a><\/div><\/div><\/div><\/div><div class=\"portfolio-entry vcex-grid-item entry-has-details span_1_of_3 col col-3 vcex-isotope-entry vcex-no-margin-entry post-20368 entry type-portfolio has-media cat-77 translation_priority-5\"><div class=\"portfolio-entry-inner entry-inner wpex-clr\"><div class=\"portfolio-entry-media entry-media wpex-clr\"><a href=\"https:\/\/www.garciafaura.com\/wp-content\/uploads\/2018\/11\/Promocio\u0301-carrer-Moreres-01.jpg\" title=\"Promotion Moreres\" class=\"portfolio-entry-media-link wpex-lightbox-gallery\" data-gallery=\"[{&quot;src&quot;:&quot;https:\\\/\\\/www.garciafaura.com\\\/wp-content\\\/uploads\\\/2018\\\/11\\\/Promocio\\u0301-carrer-Moreres-01.jpg&quot;,&quot;title&quot;:&quot;Fen\\u00eatres et porte-fen\\u00eatres en aluminium pour cet ensemble r\\u00e9sidentiel \\u00e0 Gav\\u00e0&quot;},{&quot;src&quot;:&quot;https:\\\/\\\/www.garciafaura.com\\\/wp-content\\\/uploads\\\/2018\\\/11\\\/Promocio\\u0301-carrer-Moreres-02.jpg&quot;}]\"><img loading=\"lazy\" decoding=\"async\" width=\"600\" height=\"314\" src=\"https:\/\/www.garciafaura.com\/wp-content\/uploads\/2018\/11\/Promocio\u0301-carrer-Moreres-01.jpg\" class=\"portfolio-entry-img skip-lazy\" alt=\"Fen\u00eatres et porte-fen\u00eatres en aluminium pour cet ensemble r\u00e9sidentiel \u00e0 Gav\u00e0\" data-no-lazy=\"1\" srcset=\"https:\/\/www.garciafaura.com\/wp-content\/uploads\/2018\/11\/Promocio\u0301-carrer-Moreres-01.jpg 600w, https:\/\/www.garciafaura.com\/wp-content\/uploads\/2018\/11\/Promocio\u0301-carrer-Moreres-01-300x157.jpg 300w\" sizes=\"auto, (max-width: 600px) 100vw, 600px\" \/><\/a><\/div><div class=\"portfolio-entry-details entry-details wpex-clr\"><h2 class=\"portfolio-entry-title entry-title\"><a href=\"https:\/\/www.garciafaura.com\/fr\/portfolio-item\/promotion-moreres\/\" title=\"Promotion Moreres\">Promotion Moreres<\/a><\/h2><div class=\"portfolio-entry-categories entry-categories wpex-clr\"><a href=\"https:\/\/www.garciafaura.com\/fr\/portfolio-category\/ensembles-residentiels\/\" class=\"term-77\">Ensembles r\u00e9sidentiels<\/a><\/div><\/div><\/div><\/div><div class=\"portfolio-entry vcex-grid-item entry-has-details span_1_of_3 col col-1 vcex-isotope-entry vcex-no-margin-entry post-20369 entry type-portfolio has-media cat-77 translation_priority-5\"><div class=\"portfolio-entry-inner entry-inner wpex-clr\"><div class=\"portfolio-entry-media entry-media wpex-clr\"><a href=\"https:\/\/www.garciafaura.com\/wp-content\/uploads\/2018\/11\/Promocio\u0301-carretera-Gava\u0300-01.jpg\" title=\"Promotion Carretera Gav\u00e0 1\" class=\"portfolio-entry-media-link wpex-lightbox-gallery\" data-gallery=\"[{&quot;src&quot;:&quot;https:\\\/\\\/www.garciafaura.com\\\/wp-content\\\/uploads\\\/2018\\\/11\\\/Promocio\\u0301-carretera-Gava\\u0300-01.jpg&quot;,&quot;title&quot;:&quot;Fen\\u00eatres et porte-fen\\u00eatres en aluminium pour cet ensemble r\\u00e9sidentiel \\u00e0 Gav\\u00e0&quot;},{&quot;src&quot;:&quot;https:\\\/\\\/www.garciafaura.com\\\/wp-content\\\/uploads\\\/2018\\\/11\\\/Promocio\\u0301-carretera-Gava\\u0300-07.jpg&quot;,&quot;title&quot;:&quot;Finestres i balconeres d&#039;alumini d&#039;aquest conjunt residencial de Gav\\u00e0&quot;},{&quot;src&quot;:&quot;https:\\\/\\\/www.garciafaura.com\\\/wp-content\\\/uploads\\\/2018\\\/11\\\/Promocio\\u0301-carretera-Gava\\u0300-06.jpg&quot;,&quot;title&quot;:&quot;Finestres i balconeres d&#039;alumini d&#039;aquest conjunt residencial de Gav\\u00e0&quot;},{&quot;src&quot;:&quot;https:\\\/\\\/www.garciafaura.com\\\/wp-content\\\/uploads\\\/2018\\\/11\\\/Promocio\\u0301-carretera-Gava\\u0300-05.jpg&quot;,&quot;title&quot;:&quot;Finestres i balconeres d&#039;alumini d&#039;aquest conjunt residencial de Gav\\u00e0&quot;},{&quot;src&quot;:&quot;https:\\\/\\\/www.garciafaura.com\\\/wp-content\\\/uploads\\\/2018\\\/11\\\/Promocio\\u0301-carretera-Gava\\u0300-04.jpg&quot;,&quot;title&quot;:&quot;Finestres i balconeres d&#039;alumini d&#039;aquest conjunt residencial de Gav\\u00e0&quot;},{&quot;src&quot;:&quot;https:\\\/\\\/www.garciafaura.com\\\/wp-content\\\/uploads\\\/2018\\\/11\\\/Promocio\\u0301-carretera-Gava\\u0300-03.jpg&quot;,&quot;title&quot;:&quot;Finestres i balconeres d&#039;alumini d&#039;aquest conjunt residencial de Gav\\u00e0&quot;},{&quot;src&quot;:&quot;https:\\\/\\\/www.garciafaura.com\\\/wp-content\\\/uploads\\\/2018\\\/11\\\/Promocio\\u0301-carretera-Gava\\u0300-02.jpg&quot;,&quot;title&quot;:&quot;Finestres i balconeres d&#039;alumini d&#039;aquest conjunt residencial de Gav\\u00e0&quot;}]\"><img loading=\"lazy\" decoding=\"async\" width=\"600\" height=\"314\" src=\"https:\/\/www.garciafaura.com\/wp-content\/uploads\/2018\/11\/Promocio\u0301-carretera-Gava\u0300-01.jpg\" class=\"portfolio-entry-img skip-lazy\" alt=\"Fen\u00eatres et porte-fen\u00eatres en aluminium pour cet ensemble r\u00e9sidentiel \u00e0 Gav\u00e0\" data-no-lazy=\"1\" srcset=\"https:\/\/www.garciafaura.com\/wp-content\/uploads\/2018\/11\/Promocio\u0301-carretera-Gava\u0300-01.jpg 600w, https:\/\/www.garciafaura.com\/wp-content\/uploads\/2018\/11\/Promocio\u0301-carretera-Gava\u0300-01-300x157.jpg 300w\" sizes=\"auto, (max-width: 600px) 100vw, 600px\" \/><\/a><\/div><div class=\"portfolio-entry-details entry-details wpex-clr\"><h2 class=\"portfolio-entry-title entry-title\"><a href=\"https:\/\/www.garciafaura.com\/fr\/portfolio-item\/promotion-carretera-gava-1\/\" title=\"Promotion Carretera Gav\u00e0 1\">Promotion Carretera Gav\u00e0 1<\/a><\/h2><div class=\"portfolio-entry-categories entry-categories wpex-clr\"><a href=\"https:\/\/www.garciafaura.com\/fr\/portfolio-category\/ensembles-residentiels\/\" class=\"term-77\">Ensembles r\u00e9sidentiels<\/a><\/div><\/div><\/div><\/div><div class=\"portfolio-entry vcex-grid-item entry-has-details span_1_of_3 col col-2 vcex-isotope-entry vcex-no-margin-entry post-20363 entry type-portfolio has-media cat-77 translation_priority-5\"><div class=\"portfolio-entry-inner entry-inner wpex-clr\"><div class=\"portfolio-entry-media entry-media wpex-clr\"><a href=\"https:\/\/www.garciafaura.com\/wp-content\/uploads\/2018\/11\/Promocio\u0301-carrer-Tavern-01.jpg\" title=\"Logements Tavern\" class=\"portfolio-entry-media-link wpex-lightbox-gallery\" data-gallery=\"[{&quot;src&quot;:&quot;https:\\\/\\\/www.garciafaura.com\\\/wp-content\\\/uploads\\\/2018\\\/11\\\/Promocio\\u0301-carrer-Tavern-01.jpg&quot;,&quot;title&quot;:&quot;Travaux de verrerie et aluminium pour ensemble r\\u00e9sidentiel de haut standing \\u00e0 Barcelone&quot;},{&quot;src&quot;:&quot;https:\\\/\\\/www.garciafaura.com\\\/wp-content\\\/uploads\\\/2018\\\/11\\\/Promocio\\u0301-carrer-Tavern-05.jpg&quot;,&quot;title&quot;:&quot;Treballs de vidrieria i alumini en conjunt residencial de primer nivell a Barcelona&quot;},{&quot;src&quot;:&quot;https:\\\/\\\/www.garciafaura.com\\\/wp-content\\\/uploads\\\/2018\\\/11\\\/Promocio\\u0301-carrer-Tavern-04.jpg&quot;,&quot;title&quot;:&quot;Treballs de vidrieria i alumini en conjunt residencial de primer nivell a Barcelona&quot;},{&quot;src&quot;:&quot;https:\\\/\\\/www.garciafaura.com\\\/wp-content\\\/uploads\\\/2018\\\/11\\\/Promocio\\u0301-carrer-Tavern-03.jpg&quot;,&quot;title&quot;:&quot;Treballs de vidrieria i alumini en conjunt residencial de primer nivell a Barcelona&quot;},{&quot;src&quot;:&quot;https:\\\/\\\/www.garciafaura.com\\\/wp-content\\\/uploads\\\/2018\\\/11\\\/Promocio\\u0301-carrer-Tavern-02.jpg&quot;,&quot;title&quot;:&quot;Treballs de vidrieria i alumini en conjunt residencial de primer nivell a Barcelona&quot;}]\"><img loading=\"lazy\" decoding=\"async\" width=\"600\" height=\"314\" src=\"https:\/\/www.garciafaura.com\/wp-content\/uploads\/2018\/11\/Promocio\u0301-carrer-Tavern-01.jpg\" class=\"portfolio-entry-img skip-lazy\" alt=\"Travaux de verrerie et aluminium pour ensemble r\u00e9sidentiel de haut standing \u00e0 Barcelone\" data-no-lazy=\"1\" srcset=\"https:\/\/www.garciafaura.com\/wp-content\/uploads\/2018\/11\/Promocio\u0301-carrer-Tavern-01.jpg 600w, https:\/\/www.garciafaura.com\/wp-content\/uploads\/2018\/11\/Promocio\u0301-carrer-Tavern-01-300x157.jpg 300w\" sizes=\"auto, (max-width: 600px) 100vw, 600px\" \/><\/a><\/div><div class=\"portfolio-entry-details entry-details wpex-clr\"><h2 class=\"portfolio-entry-title entry-title\"><a href=\"https:\/\/www.garciafaura.com\/fr\/portfolio-item\/logements-tavern\/\" title=\"Logements Tavern\">Logements Tavern<\/a><\/h2><div class=\"portfolio-entry-categories entry-categories wpex-clr\"><a href=\"https:\/\/www.garciafaura.com\/fr\/portfolio-category\/ensembles-residentiels\/\" class=\"term-77\">Ensembles r\u00e9sidentiels<\/a><\/div><\/div><\/div><\/div><div class=\"portfolio-entry vcex-grid-item entry-has-details span_1_of_3 col col-3 vcex-isotope-entry vcex-no-margin-entry post-20357 entry type-portfolio has-media cat-77 cat-91 cat-93 translation_priority-5\"><div class=\"portfolio-entry-inner entry-inner wpex-clr\"><div class=\"portfolio-entry-media entry-media wpex-clr\"><a href=\"https:\/\/www.garciafaura.com\/wp-content\/uploads\/2018\/11\/Doctor-Carulla-000.jpg\" title=\"Logements Doctor Carulla\" class=\"portfolio-entry-media-link wpex-lightbox-gallery\" data-gallery=\"[{&quot;src&quot;:&quot;https:\\\/\\\/www.garciafaura.com\\\/wp-content\\\/uploads\\\/2018\\\/11\\\/Doctor-Carulla-000.jpg&quot;},{&quot;src&quot;:&quot;https:\\\/\\\/www.garciafaura.com\\\/wp-content\\\/uploads\\\/2018\\\/11\\\/Doctor-Carulla-00.jpg&quot;},{&quot;src&quot;:&quot;https:\\\/\\\/www.garciafaura.com\\\/wp-content\\\/uploads\\\/2018\\\/11\\\/Doctor-Carulla-07.jpg&quot;,&quot;title&quot;:&quot;Arquitectura de la fa\\u00e7ana i conjunt de tancaments d&#039;aquest modern habitatge&quot;},{&quot;src&quot;:&quot;https:\\\/\\\/www.garciafaura.com\\\/wp-content\\\/uploads\\\/2018\\\/11\\\/Doctor-Carulla-06.jpg&quot;,&quot;title&quot;:&quot;Arquitectura de la fa\\u00e7ana i conjunt de tancaments d&#039;aquest modern habitatge&quot;},{&quot;src&quot;:&quot;https:\\\/\\\/www.garciafaura.com\\\/wp-content\\\/uploads\\\/2018\\\/11\\\/Doctor-Carulla-05.jpg&quot;,&quot;title&quot;:&quot;Arquitectura de la fa\\u00e7ana i conjunt de tancaments d&#039;aquest modern habitatge&quot;},{&quot;src&quot;:&quot;https:\\\/\\\/www.garciafaura.com\\\/wp-content\\\/uploads\\\/2018\\\/11\\\/Doctor-Carulla-04.jpg&quot;,&quot;title&quot;:&quot;Arquitectura de la fa\\u00e7ana i conjunt de tancaments d&#039;aquest modern habitatge&quot;},{&quot;src&quot;:&quot;https:\\\/\\\/www.garciafaura.com\\\/wp-content\\\/uploads\\\/2018\\\/11\\\/Doctor-Carulla-03.jpg&quot;,&quot;title&quot;:&quot;Arquitectura de la fa\\u00e7ana i conjunt de tancaments d&#039;aquest modern habitatge&quot;},{&quot;src&quot;:&quot;https:\\\/\\\/www.garciafaura.com\\\/wp-content\\\/uploads\\\/2018\\\/11\\\/Doctor-Carulla-02.jpg&quot;,&quot;title&quot;:&quot;Arquitectura de la fa\\u00e7ana i conjunt de tancaments d&#039;aquest modern habitatge&quot;},{&quot;src&quot;:&quot;https:\\\/\\\/www.garciafaura.com\\\/wp-content\\\/uploads\\\/2018\\\/11\\\/Doctor-Carulla-01.jpg&quot;,&quot;title&quot;:&quot;Arquitectura de la fa\\u00e7ana i conjunt de tancaments d&#039;aquest modern habitatge&quot;}]\"><img loading=\"lazy\" decoding=\"async\" width=\"1200\" height=\"628\" src=\"https:\/\/www.garciafaura.com\/wp-content\/uploads\/2018\/11\/Doctor-Carulla-000.jpg\" class=\"portfolio-entry-img skip-lazy\" alt=\"\" data-no-lazy=\"1\" srcset=\"https:\/\/www.garciafaura.com\/wp-content\/uploads\/2018\/11\/Doctor-Carulla-000.jpg 1200w, https:\/\/www.garciafaura.com\/wp-content\/uploads\/2018\/11\/Doctor-Carulla-000-300x157.jpg 300w, https:\/\/www.garciafaura.com\/wp-content\/uploads\/2018\/11\/Doctor-Carulla-000-768x402.jpg 768w, https:\/\/www.garciafaura.com\/wp-content\/uploads\/2018\/11\/Doctor-Carulla-000-1024x536.jpg 1024w, https:\/\/www.garciafaura.com\/wp-content\/uploads\/2018\/11\/Doctor-Carulla-000-600x314.jpg 600w\" sizes=\"auto, (max-width: 1200px) 100vw, 1200px\" \/><\/a><\/div><div class=\"portfolio-entry-details entry-details wpex-clr\"><h2 class=\"portfolio-entry-title entry-title\"><a href=\"https:\/\/www.garciafaura.com\/fr\/portfolio-item\/logements-doctor-carulla\/\" title=\"Logements Doctor Carulla\">Logements Doctor Carulla<\/a><\/h2><div class=\"portfolio-entry-categories entry-categories wpex-clr\"><a href=\"https:\/\/www.garciafaura.com\/fr\/portfolio-category\/ensembles-residentiels\/\" class=\"term-77\">Ensembles r\u00e9sidentiels<\/a><\/div><\/div><\/div><\/div><div class=\"portfolio-entry vcex-grid-item entry-has-details span_1_of_3 col col-1 vcex-isotope-entry vcex-no-margin-entry post-20355 entry type-portfolio has-media cat-77 translation_priority-5\"><div class=\"portfolio-entry-inner entry-inner wpex-clr\"><div class=\"portfolio-entry-media entry-media wpex-clr\"><a href=\"https:\/\/www.garciafaura.com\/wp-content\/uploads\/2018\/11\/Complex-residencial-Les-Franceses-01.jpg\" title=\"Complexe r\u00e9sidentiel Les Franceses\" class=\"portfolio-entry-media-link wpex-lightbox-gallery\" data-gallery=\"[{&quot;src&quot;:&quot;https:\\\/\\\/www.garciafaura.com\\\/wp-content\\\/uploads\\\/2018\\\/11\\\/Complex-residencial-Les-Franceses-01.jpg&quot;,&quot;title&quot;:&quot;Travaux de menuiserie en aluminium pour ce complexe de logements \\u00e0 Sant Feliu de Llobregat&quot;},{&quot;src&quot;:&quot;https:\\\/\\\/www.garciafaura.com\\\/wp-content\\\/uploads\\\/2018\\\/11\\\/Complex-residencial-Les-Franceses-14.jpg&quot;,&quot;title&quot;:&quot;Treballs de fusteria d&#039;alumini en aquest\\u00a0complex d&#039;habitatges\\u00a0de Sant Feliu de Llobregat&quot;},{&quot;src&quot;:&quot;https:\\\/\\\/www.garciafaura.com\\\/wp-content\\\/uploads\\\/2018\\\/11\\\/Complex-residencial-Les-Franceses-13.jpg&quot;,&quot;title&quot;:&quot;Treballs de fusteria d&#039;alumini en aquest\\u00a0complex d&#039;habitatges\\u00a0de Sant Feliu de Llobregat&quot;},{&quot;src&quot;:&quot;https:\\\/\\\/www.garciafaura.com\\\/wp-content\\\/uploads\\\/2018\\\/11\\\/Complex-residencial-Les-Franceses-12.jpg&quot;,&quot;title&quot;:&quot;Treballs de fusteria d&#039;alumini en aquest\\u00a0complex d&#039;habitatges\\u00a0de Sant Feliu de Llobregat&quot;},{&quot;src&quot;:&quot;https:\\\/\\\/www.garciafaura.com\\\/wp-content\\\/uploads\\\/2018\\\/11\\\/Complex-residencial-Les-Franceses-11.jpg&quot;,&quot;title&quot;:&quot;Treballs de fusteria d&#039;alumini en aquest\\u00a0complex d&#039;habitatges\\u00a0de Sant Feliu de Llobregat&quot;},{&quot;src&quot;:&quot;https:\\\/\\\/www.garciafaura.com\\\/wp-content\\\/uploads\\\/2018\\\/11\\\/Complex-residencial-Les-Franceses-10.jpg&quot;,&quot;title&quot;:&quot;Treballs de fusteria d&#039;alumini en aquest\\u00a0complex d&#039;habitatges\\u00a0de Sant Feliu de Llobregat&quot;},{&quot;src&quot;:&quot;https:\\\/\\\/www.garciafaura.com\\\/wp-content\\\/uploads\\\/2018\\\/11\\\/Complex-residencial-Les-Franceses-09.jpg&quot;,&quot;title&quot;:&quot;Treballs de fusteria d&#039;alumini en aquest\\u00a0complex d&#039;habitatges\\u00a0de Sant Feliu de Llobregat&quot;},{&quot;src&quot;:&quot;https:\\\/\\\/www.garciafaura.com\\\/wp-content\\\/uploads\\\/2018\\\/11\\\/Complex-residencial-Les-Franceses-08.jpg&quot;,&quot;title&quot;:&quot;Treballs de fusteria d&#039;alumini en aquest\\u00a0complex d&#039;habitatges\\u00a0de Sant Feliu de Llobregat&quot;},{&quot;src&quot;:&quot;https:\\\/\\\/www.garciafaura.com\\\/wp-content\\\/uploads\\\/2018\\\/11\\\/Complex-residencial-Les-Franceses-07.jpg&quot;,&quot;title&quot;:&quot;Treballs de fusteria d&#039;alumini en aquest\\u00a0complex d&#039;habitatges\\u00a0de Sant Feliu de Llobregat&quot;},{&quot;src&quot;:&quot;https:\\\/\\\/www.garciafaura.com\\\/wp-content\\\/uploads\\\/2018\\\/11\\\/Complex-residencial-Les-Franceses-06.jpg&quot;,&quot;title&quot;:&quot;Treballs de fusteria d&#039;alumini en aquest\\u00a0complex d&#039;habitatges\\u00a0de Sant Feliu de Llobregat&quot;},{&quot;src&quot;:&quot;https:\\\/\\\/www.garciafaura.com\\\/wp-content\\\/uploads\\\/2018\\\/11\\\/Complex-residencial-Les-Franceses-05.jpg&quot;,&quot;title&quot;:&quot;Treballs de fusteria d&#039;alumini en aquest\\u00a0complex d&#039;habitatges\\u00a0de Sant Feliu de Llobregat&quot;},{&quot;src&quot;:&quot;https:\\\/\\\/www.garciafaura.com\\\/wp-content\\\/uploads\\\/2018\\\/11\\\/Complex-residencial-Les-Franceses-04.jpg&quot;,&quot;title&quot;:&quot;Treballs de fusteria d&#039;alumini en aquest\\u00a0complex d&#039;habitatges\\u00a0de Sant Feliu de Llobregat&quot;},{&quot;src&quot;:&quot;https:\\\/\\\/www.garciafaura.com\\\/wp-content\\\/uploads\\\/2018\\\/11\\\/Complex-residencial-Les-Franceses-03.jpg&quot;,&quot;title&quot;:&quot;Treballs de fusteria d&#039;alumini en aquest\\u00a0complex d&#039;habitatges\\u00a0de Sant Feliu de Llobregat&quot;},{&quot;src&quot;:&quot;https:\\\/\\\/www.garciafaura.com\\\/wp-content\\\/uploads\\\/2018\\\/11\\\/Complex-residencial-Les-Franceses-02.jpg&quot;,&quot;title&quot;:&quot;Treballs de fusteria d&#039;alumini en aquest\\u00a0complex d&#039;habitatges\\u00a0de Sant Feliu de Llobregat&quot;}]\"><img loading=\"lazy\" decoding=\"async\" width=\"600\" height=\"314\" src=\"https:\/\/www.garciafaura.com\/wp-content\/uploads\/2018\/11\/Complex-residencial-Les-Franceses-01.jpg\" class=\"portfolio-entry-img skip-lazy\" alt=\"Travaux de menuiserie en aluminium pour ce complexe de logements \u00e0 Sant Feliu de Llobregat\" data-no-lazy=\"1\" srcset=\"https:\/\/www.garciafaura.com\/wp-content\/uploads\/2018\/11\/Complex-residencial-Les-Franceses-01.jpg 600w, https:\/\/www.garciafaura.com\/wp-content\/uploads\/2018\/11\/Complex-residencial-Les-Franceses-01-300x157.jpg 300w\" sizes=\"auto, (max-width: 600px) 100vw, 600px\" \/><\/a><\/div><div class=\"portfolio-entry-details entry-details wpex-clr\"><h2 class=\"portfolio-entry-title entry-title\"><a href=\"https:\/\/www.garciafaura.com\/fr\/portfolio-item\/complexe-residentiel-les-franceses\/\" title=\"Complexe r\u00e9sidentiel Les Franceses\">Complexe r\u00e9sidentiel Les Franceses<\/a><\/h2><div class=\"portfolio-entry-categories entry-categories wpex-clr\"><a href=\"https:\/\/www.garciafaura.com\/fr\/portfolio-category\/ensembles-residentiels\/\" class=\"term-77\">Ensembles r\u00e9sidentiels<\/a><\/div><\/div><\/div><\/div><div class=\"portfolio-entry vcex-grid-item entry-has-details span_1_of_3 col col-2 vcex-isotope-entry vcex-no-margin-entry post-20356 entry type-portfolio has-media cat-77 translation_priority-5\"><div class=\"portfolio-entry-inner entry-inner wpex-clr\"><div class=\"portfolio-entry-media entry-media wpex-clr\"><a href=\"https:\/\/www.garciafaura.com\/wp-content\/uploads\/2018\/11\/Complex-residencial-Vilamarina-01.jpg\" title=\"Complexe r\u00e9sidentiel Vilamarina\" class=\"portfolio-entry-media-link wpex-lightbox-gallery\" data-gallery=\"[{&quot;src&quot;:&quot;https:\\\/\\\/www.garciafaura.com\\\/wp-content\\\/uploads\\\/2018\\\/11\\\/Complex-residencial-Vilamarina-01.jpg&quot;,&quot;title&quot;:&quot;Fermetures int\\u00e9rieures et ext\\u00e9rieures et vitrages pour ces 10 blocs de logements \\u00e0 Viladecans&quot;},{&quot;src&quot;:&quot;https:\\\/\\\/www.garciafaura.com\\\/wp-content\\\/uploads\\\/2018\\\/11\\\/Complex-residencial-Vilamarina-10.jpg&quot;,&quot;title&quot;:&quot;Tancaments interiors i exteriors i vidrieria d&#039;aquests 10 blocs d&#039;habitatges\\u00a0a Viladecans&quot;},{&quot;src&quot;:&quot;https:\\\/\\\/www.garciafaura.com\\\/wp-content\\\/uploads\\\/2018\\\/11\\\/Complex-residencial-Vilamarina-09.jpg&quot;,&quot;title&quot;:&quot;Tancaments interiors i exteriors i vidrieria d&#039;aquests 10 blocs d&#039;habitatges\\u00a0a Viladecans&quot;},{&quot;src&quot;:&quot;https:\\\/\\\/www.garciafaura.com\\\/wp-content\\\/uploads\\\/2018\\\/11\\\/Complex-residencial-Vilamarina-08.jpg&quot;,&quot;title&quot;:&quot;Tancaments interiors i exteriors i vidrieria d&#039;aquests 10 blocs d&#039;habitatges\\u00a0a Viladecans&quot;},{&quot;src&quot;:&quot;https:\\\/\\\/www.garciafaura.com\\\/wp-content\\\/uploads\\\/2018\\\/11\\\/Complex-residencial-Vilamarina-07.jpg&quot;,&quot;title&quot;:&quot;Tancaments interiors i exteriors i vidrieria d&#039;aquests 10 blocs d&#039;habitatges\\u00a0a Viladecans&quot;},{&quot;src&quot;:&quot;https:\\\/\\\/www.garciafaura.com\\\/wp-content\\\/uploads\\\/2018\\\/11\\\/Complex-residencial-Vilamarina-06.jpg&quot;,&quot;title&quot;:&quot;Tancaments interiors i exteriors i vidrieria d&#039;aquests 10 blocs d&#039;habitatges\\u00a0a Viladecans&quot;},{&quot;src&quot;:&quot;https:\\\/\\\/www.garciafaura.com\\\/wp-content\\\/uploads\\\/2018\\\/11\\\/Complex-residencial-Vilamarina-05.jpg&quot;,&quot;title&quot;:&quot;Tancaments interiors i exteriors i vidrieria d&#039;aquests 10 blocs d&#039;habitatges\\u00a0a Viladecans&quot;},{&quot;src&quot;:&quot;https:\\\/\\\/www.garciafaura.com\\\/wp-content\\\/uploads\\\/2018\\\/11\\\/Complex-residencial-Vilamarina-04.jpg&quot;,&quot;title&quot;:&quot;Tancaments interiors i exteriors i vidrieria d&#039;aquests 10 blocs d&#039;habitatges\\u00a0a Viladecans&quot;},{&quot;src&quot;:&quot;https:\\\/\\\/www.garciafaura.com\\\/wp-content\\\/uploads\\\/2018\\\/11\\\/Complex-residencial-Vilamarina-03.jpg&quot;,&quot;title&quot;:&quot;Tancaments interiors i exteriors i vidrieria d&#039;aquests 10 blocs d&#039;habitatges\\u00a0a Viladecans&quot;},{&quot;src&quot;:&quot;https:\\\/\\\/www.garciafaura.com\\\/wp-content\\\/uploads\\\/2018\\\/11\\\/Complex-residencial-Vilamarina-02.jpg&quot;,&quot;title&quot;:&quot;Tancaments interiors i exteriors i vidrieria d&#039;aquests 10 blocs d&#039;habitatges\\u00a0a Viladecans&quot;}]\"><img loading=\"lazy\" decoding=\"async\" width=\"600\" height=\"314\" src=\"https:\/\/www.garciafaura.com\/wp-content\/uploads\/2018\/11\/Complex-residencial-Vilamarina-01.jpg\" class=\"portfolio-entry-img skip-lazy\" alt=\"Fermetures int\u00e9rieures et ext\u00e9rieures et vitrages pour ces 10 blocs de logements \u00e0 Viladecans\" data-no-lazy=\"1\" srcset=\"https:\/\/www.garciafaura.com\/wp-content\/uploads\/2018\/11\/Complex-residencial-Vilamarina-01.jpg 600w, https:\/\/www.garciafaura.com\/wp-content\/uploads\/2018\/11\/Complex-residencial-Vilamarina-01-300x157.jpg 300w\" sizes=\"auto, (max-width: 600px) 100vw, 600px\" \/><\/a><\/div><div class=\"portfolio-entry-details entry-details wpex-clr\"><h2 class=\"portfolio-entry-title entry-title\"><a href=\"https:\/\/www.garciafaura.com\/fr\/portfolio-item\/complexe-residentiel-vilamarina\/\" title=\"Complexe r\u00e9sidentiel Vilamarina\">Complexe r\u00e9sidentiel Vilamarina<\/a><\/h2><div class=\"portfolio-entry-categories entry-categories wpex-clr\"><a href=\"https:\/\/www.garciafaura.com\/fr\/portfolio-category\/ensembles-residentiels\/\" class=\"term-77\">Ensembles r\u00e9sidentiels<\/a><\/div><\/div><\/div><\/div><div class=\"portfolio-entry vcex-grid-item entry-has-details span_1_of_3 col col-3 vcex-isotope-entry vcex-no-margin-entry post-20353 entry type-portfolio has-media cat-77 translation_priority-5\"><div class=\"portfolio-entry-inner entry-inner wpex-clr\"><div class=\"portfolio-entry-media entry-media wpex-clr\"><a href=\"https:\/\/www.garciafaura.com\/wp-content\/uploads\/2018\/11\/Torre-Blanca-11.jpg\" title=\"Tour Blanca\" class=\"portfolio-entry-media-link wpex-lightbox-gallery\" data-gallery=\"[{&quot;src&quot;:&quot;https:\\\/\\\/www.garciafaura.com\\\/wp-content\\\/uploads\\\/2018\\\/11\\\/Torre-Blanca-11.jpg&quot;,&quot;title&quot;:&quot;Ensemble r\\u00e9sidentiel de 100 logements cr\\u00e9\\u00e9s par l&#039;architecte Oriol Bohigas&quot;},{&quot;src&quot;:&quot;https:\\\/\\\/www.garciafaura.com\\\/wp-content\\\/uploads\\\/2019\\\/04\\\/Promocio-Sant-Just-Torreblanca-01.jpg&quot;,&quot;title&quot;:&quot;Travaux pour ensemble r\\u00e9sidentiel \\u00e0 Sant Just Desvern&quot;},{&quot;src&quot;:&quot;https:\\\/\\\/www.garciafaura.com\\\/wp-content\\\/uploads\\\/2018\\\/11\\\/Torre-Blanca-13.jpg&quot;,&quot;title&quot;:&quot;Conjunt residencial de 100 habitatges\\u00a0obra de l&#039;arquitecte Oriol Bohigas&quot;},{&quot;src&quot;:&quot;https:\\\/\\\/www.garciafaura.com\\\/wp-content\\\/uploads\\\/2018\\\/11\\\/Torre-Blanca-12.jpg&quot;,&quot;title&quot;:&quot;Conjunt residencial de 100 habitatges\\u00a0obra de l&#039;arquitecte Oriol Bohigas&quot;},{&quot;src&quot;:&quot;https:\\\/\\\/www.garciafaura.com\\\/wp-content\\\/uploads\\\/2018\\\/11\\\/Torre-Blanca-01.jpg&quot;,&quot;title&quot;:&quot;Conjunt residencial de 100 habitatges\\u00a0obra de l&#039;arquitecte Oriol Bohigas&quot;},{&quot;src&quot;:&quot;https:\\\/\\\/www.garciafaura.com\\\/wp-content\\\/uploads\\\/2018\\\/11\\\/Torre-Blanca-10.jpg&quot;,&quot;title&quot;:&quot;Conjunt residencial de 100 habitatges\\u00a0obra de l&#039;arquitecte Oriol Bohigas&quot;},{&quot;src&quot;:&quot;https:\\\/\\\/www.garciafaura.com\\\/wp-content\\\/uploads\\\/2018\\\/11\\\/Torre-Blanca-09.jpg&quot;,&quot;title&quot;:&quot;Conjunt residencial de 100 habitatges\\u00a0obra de l&#039;arquitecte Oriol Bohigas&quot;},{&quot;src&quot;:&quot;https:\\\/\\\/www.garciafaura.com\\\/wp-content\\\/uploads\\\/2018\\\/11\\\/Torre-Blanca-08.jpg&quot;,&quot;title&quot;:&quot;Conjunt residencial de 100 habitatges\\u00a0obra de l&#039;arquitecte Oriol Bohigas&quot;},{&quot;src&quot;:&quot;https:\\\/\\\/www.garciafaura.com\\\/wp-content\\\/uploads\\\/2018\\\/11\\\/Torre-Blanca-07.jpg&quot;,&quot;title&quot;:&quot;Conjunt residencial de 100 habitatges\\u00a0obra de l&#039;arquitecte Oriol Bohigas&quot;},{&quot;src&quot;:&quot;https:\\\/\\\/www.garciafaura.com\\\/wp-content\\\/uploads\\\/2018\\\/11\\\/Torre-Blanca-06.jpg&quot;,&quot;title&quot;:&quot;Conjunt residencial de 100 habitatges\\u00a0obra de l&#039;arquitecte Oriol Bohigas&quot;},{&quot;src&quot;:&quot;https:\\\/\\\/www.garciafaura.com\\\/wp-content\\\/uploads\\\/2018\\\/11\\\/Torre-Blanca-05.jpg&quot;,&quot;title&quot;:&quot;Conjunt residencial de 100 habitatges\\u00a0obra de l&#039;arquitecte Oriol Bohigas&quot;},{&quot;src&quot;:&quot;https:\\\/\\\/www.garciafaura.com\\\/wp-content\\\/uploads\\\/2018\\\/11\\\/Torre-Blanca-04.jpg&quot;,&quot;title&quot;:&quot;Conjunt residencial de 100 habitatges\\u00a0obra de l&#039;arquitecte Oriol Bohigas&quot;},{&quot;src&quot;:&quot;https:\\\/\\\/www.garciafaura.com\\\/wp-content\\\/uploads\\\/2018\\\/11\\\/Torre-Blanca-03.jpg&quot;,&quot;title&quot;:&quot;Conjunt residencial de 100 habitatges\\u00a0obra de l&#039;arquitecte Oriol Bohigas&quot;},{&quot;src&quot;:&quot;https:\\\/\\\/www.garciafaura.com\\\/wp-content\\\/uploads\\\/2018\\\/11\\\/Torre-Blanca-02.jpg&quot;,&quot;title&quot;:&quot;Conjunt residencial de 100 habitatges\\u00a0obra de l&#039;arquitecte Oriol Bohigas&quot;}]\"><img loading=\"lazy\" decoding=\"async\" width=\"600\" height=\"314\" src=\"https:\/\/www.garciafaura.com\/wp-content\/uploads\/2018\/11\/Torre-Blanca-11.jpg\" class=\"portfolio-entry-img skip-lazy\" alt=\"Ensemble r\u00e9sidentiel de 100 logements cr\u00e9\u00e9s par l&#039;architecte Oriol Bohigas\" data-no-lazy=\"1\" srcset=\"https:\/\/www.garciafaura.com\/wp-content\/uploads\/2018\/11\/Torre-Blanca-11.jpg 600w, https:\/\/www.garciafaura.com\/wp-content\/uploads\/2018\/11\/Torre-Blanca-11-300x157.jpg 300w\" sizes=\"auto, (max-width: 600px) 100vw, 600px\" \/><\/a><\/div><div class=\"portfolio-entry-details entry-details wpex-clr\"><h2 class=\"portfolio-entry-title entry-title\"><a href=\"https:\/\/www.garciafaura.com\/fr\/portfolio-item\/tour-blanca\/\" title=\"Tour Blanca\">Tour Blanca<\/a><\/h2><div class=\"portfolio-entry-categories entry-categories wpex-clr\"><a href=\"https:\/\/www.garciafaura.com\/fr\/portfolio-category\/ensembles-residentiels\/\" class=\"term-77\">Ensembles r\u00e9sidentiels<\/a><\/div><\/div><\/div><\/div><div class=\"portfolio-entry vcex-grid-item entry-has-details span_1_of_3 col col-1 vcex-isotope-entry vcex-no-margin-entry post-20346 entry type-portfolio has-media cat-77 translation_priority-5\"><div class=\"portfolio-entry-inner entry-inner wpex-clr\"><div class=\"portfolio-entry-media entry-media wpex-clr\"><a href=\"https:\/\/www.garciafaura.com\/wp-content\/uploads\/2018\/11\/MTP02808.jpg\" title=\"Promotion R13 La Catalana\" class=\"portfolio-entry-media-link wpex-lightbox-gallery\" data-gallery=\"[{&quot;src&quot;:&quot;https:\\\/\\\/www.garciafaura.com\\\/wp-content\\\/uploads\\\/2018\\\/11\\\/MTP02808.jpg&quot;,&quot;title&quot;:&quot;La Catalana Sant Adri\\u00e0 Garcia Faura&quot;},{&quot;src&quot;:&quot;https:\\\/\\\/www.garciafaura.com\\\/wp-content\\\/uploads\\\/2018\\\/11\\\/MTP02796.jpg&quot;,&quot;title&quot;:&quot;La Catalana Sant Adri\\u00e0 Garcia Faura&quot;},{&quot;src&quot;:&quot;https:\\\/\\\/www.garciafaura.com\\\/wp-content\\\/uploads\\\/2018\\\/11\\\/MTP02794.jpg&quot;,&quot;title&quot;:&quot;La Catalana Sant Adri\\u00e0 Garcia Faura&quot;},{&quot;src&quot;:&quot;https:\\\/\\\/www.garciafaura.com\\\/wp-content\\\/uploads\\\/2018\\\/11\\\/MTP02791.jpg&quot;,&quot;title&quot;:&quot;La Catalana Sant Adri\\u00e0 Garcia Faura&quot;},{&quot;src&quot;:&quot;https:\\\/\\\/www.garciafaura.com\\\/wp-content\\\/uploads\\\/2018\\\/11\\\/MTP02782.jpg&quot;,&quot;title&quot;:&quot;La Catalana Sant Adri\\u00e0 Garcia Faura&quot;},{&quot;src&quot;:&quot;https:\\\/\\\/www.garciafaura.com\\\/wp-content\\\/uploads\\\/2018\\\/11\\\/MTP02779.jpg&quot;,&quot;title&quot;:&quot;La Catalana Sant Adri\\u00e0 Garcia Faura&quot;},{&quot;src&quot;:&quot;https:\\\/\\\/www.garciafaura.com\\\/wp-content\\\/uploads\\\/2018\\\/11\\\/MTP02774.jpg&quot;,&quot;title&quot;:&quot;La Catalana Sant Adri\\u00e0 Garcia Faura&quot;},{&quot;src&quot;:&quot;https:\\\/\\\/www.garciafaura.com\\\/wp-content\\\/uploads\\\/2018\\\/11\\\/MTP02771.jpg&quot;,&quot;title&quot;:&quot;La Catalana Sant Adri\\u00e0 Garcia Faura&quot;},{&quot;src&quot;:&quot;https:\\\/\\\/www.garciafaura.com\\\/wp-content\\\/uploads\\\/2018\\\/11\\\/MTP02769.jpg&quot;,&quot;title&quot;:&quot;La Catalana Sant Adri\\u00e0 Garcia Faura&quot;},{&quot;src&quot;:&quot;https:\\\/\\\/www.garciafaura.com\\\/wp-content\\\/uploads\\\/2018\\\/11\\\/MTP02763.jpg&quot;,&quot;title&quot;:&quot;La Catalana Sant Adri\\u00e0 Garcia Faura&quot;},{&quot;src&quot;:&quot;https:\\\/\\\/www.garciafaura.com\\\/wp-content\\\/uploads\\\/2018\\\/11\\\/MTP02759.jpg&quot;,&quot;title&quot;:&quot;La Catalana Sant Adri\\u00e0 Garcia Faura&quot;},{&quot;src&quot;:&quot;https:\\\/\\\/www.garciafaura.com\\\/wp-content\\\/uploads\\\/2018\\\/11\\\/MTP02750.jpg&quot;,&quot;title&quot;:&quot;La Catalana Sant Adri\\u00e0 Garcia Faura&quot;},{&quot;src&quot;:&quot;https:\\\/\\\/www.garciafaura.com\\\/wp-content\\\/uploads\\\/2018\\\/11\\\/MTP02739.jpg&quot;,&quot;title&quot;:&quot;La Catalana Sant Adri\\u00e0 Garcia Faura&quot;},{&quot;src&quot;:&quot;https:\\\/\\\/www.garciafaura.com\\\/wp-content\\\/uploads\\\/2018\\\/11\\\/MTP02735.jpg&quot;,&quot;title&quot;:&quot;La Catalana Sant Adri\\u00e0 Garcia Faura&quot;},{&quot;src&quot;:&quot;https:\\\/\\\/www.garciafaura.com\\\/wp-content\\\/uploads\\\/2018\\\/11\\\/MTP02734.jpg&quot;,&quot;title&quot;:&quot;La Catalana Sant Adri\\u00e0 Garcia Faura&quot;},{&quot;src&quot;:&quot;https:\\\/\\\/www.garciafaura.com\\\/wp-content\\\/uploads\\\/2018\\\/11\\\/MTP02730.jpg&quot;,&quot;title&quot;:&quot;La Catalana Sant Adri\\u00e0 Garcia Faura&quot;}]\"><img loading=\"lazy\" decoding=\"async\" width=\"1200\" height=\"628\" src=\"https:\/\/www.garciafaura.com\/wp-content\/uploads\/2018\/11\/MTP02808.jpg\" class=\"portfolio-entry-img skip-lazy\" alt=\"La Catalana Sant Adri\u00e0 Garcia Faura\" data-no-lazy=\"1\" srcset=\"https:\/\/www.garciafaura.com\/wp-content\/uploads\/2018\/11\/MTP02808.jpg 1200w, https:\/\/www.garciafaura.com\/wp-content\/uploads\/2018\/11\/MTP02808-300x157.jpg 300w, https:\/\/www.garciafaura.com\/wp-content\/uploads\/2018\/11\/MTP02808-1024x536.jpg 1024w, https:\/\/www.garciafaura.com\/wp-content\/uploads\/2018\/11\/MTP02808-768x402.jpg 768w\" sizes=\"auto, (max-width: 1200px) 100vw, 1200px\" \/><\/a><\/div><div class=\"portfolio-entry-details entry-details wpex-clr\"><h2 class=\"portfolio-entry-title entry-title\"><a href=\"https:\/\/www.garciafaura.com\/fr\/portfolio-item\/promotion-la-catalana\/\" title=\"Promotion R13 La Catalana\">Promotion R13 La Catalana<\/a><\/h2><div class=\"portfolio-entry-categories entry-categories wpex-clr\"><a href=\"https:\/\/www.garciafaura.com\/fr\/portfolio-category\/ensembles-residentiels\/\" class=\"term-77\">Ensembles r\u00e9sidentiels<\/a><\/div><\/div><\/div><\/div><div class=\"portfolio-entry vcex-grid-item entry-has-details span_1_of_3 col col-2 vcex-isotope-entry vcex-no-margin-entry post-20347 entry type-portfolio has-media cat-77 translation_priority-5\"><div class=\"portfolio-entry-inner entry-inner wpex-clr\"><div class=\"portfolio-entry-media entry-media wpex-clr\"><a href=\"https:\/\/www.garciafaura.com\/wp-content\/uploads\/2018\/11\/Promocio\u0301-Pere-Calders-06.jpg\" title=\"Promotion Pere Calders\" class=\"portfolio-entry-media-link wpex-lightbox-gallery\" data-gallery=\"[{&quot;src&quot;:&quot;https:\\\/\\\/www.garciafaura.com\\\/wp-content\\\/uploads\\\/2018\\\/11\\\/Promocio\\u0301-Pere-Calders-01.jpg&quot;,&quot;title&quot;:&quot;Fa\\u00e7ana i tancaments en alumini i vidre&quot;},{&quot;src&quot;:&quot;https:\\\/\\\/www.garciafaura.com\\\/wp-content\\\/uploads\\\/2018\\\/11\\\/Promocio\\u0301-Pere-Calders-08.jpg&quot;,&quot;title&quot;:&quot;Fa\\u00e7ana i tancaments en alumini i vidre&quot;},{&quot;src&quot;:&quot;https:\\\/\\\/www.garciafaura.com\\\/wp-content\\\/uploads\\\/2018\\\/11\\\/Promocio\\u0301-Pere-Calders-07.jpg&quot;,&quot;title&quot;:&quot;Fa\\u00e7ana i tancaments en alumini i vidre&quot;},{&quot;src&quot;:&quot;https:\\\/\\\/www.garciafaura.com\\\/wp-content\\\/uploads\\\/2018\\\/11\\\/Promocio\\u0301-Pere-Calders-06.jpg&quot;,&quot;title&quot;:&quot;Fa\\u00e7ade et fermetures en aluminium et verre&quot;},{&quot;src&quot;:&quot;https:\\\/\\\/www.garciafaura.com\\\/wp-content\\\/uploads\\\/2018\\\/11\\\/Promocio\\u0301-Pere-Calders-05.jpg&quot;,&quot;title&quot;:&quot;Fa\\u00e7ana i tancaments en alumini i vidre&quot;},{&quot;src&quot;:&quot;https:\\\/\\\/www.garciafaura.com\\\/wp-content\\\/uploads\\\/2018\\\/11\\\/Promocio\\u0301-Pere-Calders-04.jpg&quot;,&quot;title&quot;:&quot;Fa\\u00e7ana i tancaments en alumini i vidre&quot;},{&quot;src&quot;:&quot;https:\\\/\\\/www.garciafaura.com\\\/wp-content\\\/uploads\\\/2018\\\/11\\\/Promocio\\u0301-Pere-Calders-03.jpg&quot;,&quot;title&quot;:&quot;Fa\\u00e7ana i tancaments en alumini i vidre&quot;},{&quot;src&quot;:&quot;https:\\\/\\\/www.garciafaura.com\\\/wp-content\\\/uploads\\\/2018\\\/11\\\/Promocio\\u0301-Pere-Calders-02.jpg&quot;,&quot;title&quot;:&quot;Fa\\u00e7ana i tancaments en alumini i vidre&quot;}]\"><img loading=\"lazy\" decoding=\"async\" width=\"1200\" height=\"628\" src=\"https:\/\/www.garciafaura.com\/wp-content\/uploads\/2018\/11\/Promocio\u0301-Pere-Calders-06.jpg\" class=\"portfolio-entry-img skip-lazy\" alt=\"Fa\u00e7ade et fermetures en aluminium et verre\" data-no-lazy=\"1\" srcset=\"https:\/\/www.garciafaura.com\/wp-content\/uploads\/2018\/11\/Promocio\u0301-Pere-Calders-06.jpg 1200w, https:\/\/www.garciafaura.com\/wp-content\/uploads\/2018\/11\/Promocio\u0301-Pere-Calders-06-300x157.jpg 300w, https:\/\/www.garciafaura.com\/wp-content\/uploads\/2018\/11\/Promocio\u0301-Pere-Calders-06-768x402.jpg 768w, https:\/\/www.garciafaura.com\/wp-content\/uploads\/2018\/11\/Promocio\u0301-Pere-Calders-06-1024x536.jpg 1024w\" sizes=\"auto, (max-width: 1200px) 100vw, 1200px\" \/><\/a><\/div><div class=\"portfolio-entry-details entry-details wpex-clr\"><h2 class=\"portfolio-entry-title entry-title\"><a href=\"https:\/\/www.garciafaura.com\/fr\/portfolio-item\/promotion-pere-calders\/\" title=\"Promotion Pere Calders\">Promotion Pere Calders<\/a><\/h2><div class=\"portfolio-entry-categories entry-categories wpex-clr\"><a href=\"https:\/\/www.garciafaura.com\/fr\/portfolio-category\/ensembles-residentiels\/\" class=\"term-77\">Ensembles r\u00e9sidentiels<\/a><\/div><\/div><\/div><\/div><div class=\"portfolio-entry vcex-grid-item entry-has-details span_1_of_3 col col-3 vcex-isotope-entry vcex-no-margin-entry post-20325 entry type-portfolio has-media cat-77 cat-91 translation_priority-5\"><div class=\"portfolio-entry-inner entry-inner wpex-clr\"><div class=\"portfolio-entry-media entry-media wpex-clr\"><a href=\"https:\/\/www.garciafaura.com\/wp-content\/uploads\/2018\/11\/Promocio\u0301-Josep-Irla-Sitges-04.jpg\" title=\"Promotion Josep Irla\" class=\"portfolio-entry-media-link wpex-lightbox-gallery\" data-gallery=\"[{&quot;src&quot;:&quot;https:\\\/\\\/www.garciafaura.com\\\/wp-content\\\/uploads\\\/2018\\\/11\\\/Promocio\\u0301-Josep-Irla-Sitges-04.jpg&quot;,&quot;title&quot;:&quot;Fermetures en aluminium et verre pour ensemble r\\u00e9sidentiel \\u00e0 Sitges&quot;},{&quot;src&quot;:&quot;https:\\\/\\\/www.garciafaura.com\\\/wp-content\\\/uploads\\\/2018\\\/11\\\/Promocio\\u0301-Josep-Irla-Sitges-11.jpg&quot;,&quot;title&quot;:&quot;Tancaments d&#039;alumini i vidre d&#039;aquest conjunt residencial de Sitges&quot;},{&quot;src&quot;:&quot;https:\\\/\\\/www.garciafaura.com\\\/wp-content\\\/uploads\\\/2018\\\/11\\\/Promocio\\u0301-Josep-Irla-Sitges-10.jpg&quot;,&quot;title&quot;:&quot;Tancaments d&#039;alumini i vidre d&#039;aquest conjunt residencial de Sitges&quot;},{&quot;src&quot;:&quot;https:\\\/\\\/www.garciafaura.com\\\/wp-content\\\/uploads\\\/2018\\\/11\\\/Promocio\\u0301-Josep-Irla-Sitges-09.jpg&quot;,&quot;title&quot;:&quot;Tancaments d&#039;alumini i vidre d&#039;aquest conjunt residencial de Sitges&quot;},{&quot;src&quot;:&quot;https:\\\/\\\/www.garciafaura.com\\\/wp-content\\\/uploads\\\/2018\\\/11\\\/Promocio\\u0301-Josep-Irla-Sitges-08.jpg&quot;,&quot;title&quot;:&quot;Tancaments d&#039;alumini i vidre d&#039;aquest conjunt residencial de Sitges&quot;},{&quot;src&quot;:&quot;https:\\\/\\\/www.garciafaura.com\\\/wp-content\\\/uploads\\\/2018\\\/11\\\/Promocio\\u0301-Josep-Irla-Sitges-07.jpg&quot;,&quot;title&quot;:&quot;Tancaments d&#039;alumini i vidre d&#039;aquest conjunt residencial de Sitges&quot;},{&quot;src&quot;:&quot;https:\\\/\\\/www.garciafaura.com\\\/wp-content\\\/uploads\\\/2018\\\/11\\\/Promocio\\u0301-Josep-Irla-Sitges-06.jpg&quot;,&quot;title&quot;:&quot;Tancaments d&#039;alumini i vidre d&#039;aquest conjunt residencial de Sitges&quot;},{&quot;src&quot;:&quot;https:\\\/\\\/www.garciafaura.com\\\/wp-content\\\/uploads\\\/2018\\\/11\\\/Promocio\\u0301-Josep-Irla-Sitges-05.jpg&quot;,&quot;title&quot;:&quot;Tancaments d&#039;alumini i vidre d&#039;aquest conjunt residencial de Sitges&quot;},{&quot;src&quot;:&quot;https:\\\/\\\/www.garciafaura.com\\\/wp-content\\\/uploads\\\/2018\\\/11\\\/Promocio\\u0301-Josep-Irla-Sitges-03.jpg&quot;,&quot;title&quot;:&quot;Tancaments d&#039;alumini i vidre d&#039;aquest conjunt residencial de Sitges&quot;},{&quot;src&quot;:&quot;https:\\\/\\\/www.garciafaura.com\\\/wp-content\\\/uploads\\\/2018\\\/11\\\/Promocio\\u0301-Josep-Irla-Sitges-02.jpg&quot;,&quot;title&quot;:&quot;Tancaments d&#039;alumini i vidre d&#039;aquest conjunt residencial de Sitges&quot;},{&quot;src&quot;:&quot;https:\\\/\\\/www.garciafaura.com\\\/wp-content\\\/uploads\\\/2018\\\/11\\\/Promocio\\u0301-Josep-Irla-Sitges-01.jpg&quot;,&quot;title&quot;:&quot;Tancaments d&#039;alumini i vidre d&#039;aquest conjunt residencial de Sitges&quot;}]\"><img loading=\"lazy\" decoding=\"async\" width=\"600\" height=\"314\" src=\"https:\/\/www.garciafaura.com\/wp-content\/uploads\/2018\/11\/Promocio\u0301-Josep-Irla-Sitges-04.jpg\" class=\"portfolio-entry-img skip-lazy\" alt=\"Fermetures en aluminium et verre pour ensemble r\u00e9sidentiel \u00e0 Sitges\" data-no-lazy=\"1\" srcset=\"https:\/\/www.garciafaura.com\/wp-content\/uploads\/2018\/11\/Promocio\u0301-Josep-Irla-Sitges-04.jpg 600w, https:\/\/www.garciafaura.com\/wp-content\/uploads\/2018\/11\/Promocio\u0301-Josep-Irla-Sitges-04-300x157.jpg 300w\" sizes=\"auto, (max-width: 600px) 100vw, 600px\" \/><\/a><\/div><div class=\"portfolio-entry-details entry-details wpex-clr\"><h2 class=\"portfolio-entry-title entry-title\"><a href=\"https:\/\/www.garciafaura.com\/fr\/portfolio-item\/promotion-josep-irla\/\" title=\"Promotion Josep Irla\">Promotion Josep Irla<\/a><\/h2><div class=\"portfolio-entry-categories entry-categories wpex-clr\"><a href=\"https:\/\/www.garciafaura.com\/fr\/portfolio-category\/ensembles-residentiels\/\" class=\"term-77\">Ensembles r\u00e9sidentiels<\/a><\/div><\/div><\/div><\/div><div class=\"portfolio-entry vcex-grid-item entry-has-details span_1_of_3 col col-1 vcex-isotope-entry vcex-no-margin-entry post-20322 entry type-portfolio has-media cat-77 translation_priority-5\"><div class=\"portfolio-entry-inner entry-inner wpex-clr\"><div class=\"portfolio-entry-media entry-media wpex-clr\"><a href=\"https:\/\/www.garciafaura.com\/wp-content\/uploads\/2018\/11\/Promocio\u0301-Castellsol-01.jpg\" title=\"Promotion Castellsol\" class=\"portfolio-entry-media-link wpex-lightbox-gallery\" data-gallery=\"[{&quot;src&quot;:&quot;https:\\\/\\\/www.garciafaura.com\\\/wp-content\\\/uploads\\\/2018\\\/11\\\/Promocio\\u0301-Castellsol-01.jpg&quot;,&quot;title&quot;:&quot;Travaux de menuiserie en aluminium pour ce complexe de logements \\u00e0 Castelldefels&quot;},{&quot;src&quot;:&quot;https:\\\/\\\/www.garciafaura.com\\\/wp-content\\\/uploads\\\/2018\\\/11\\\/Promocio\\u0301-Castellsol-10.jpg&quot;,&quot;title&quot;:&quot;Treballs de fusteria d&#039;alumini en aquest complex d&#039;habitatges de Castelldefels&quot;},{&quot;src&quot;:&quot;https:\\\/\\\/www.garciafaura.com\\\/wp-content\\\/uploads\\\/2018\\\/11\\\/Promocio\\u0301-Castellsol-09.jpg&quot;,&quot;title&quot;:&quot;Treballs de fusteria d&#039;alumini en aquest complex d&#039;habitatges de Castelldefels&quot;},{&quot;src&quot;:&quot;https:\\\/\\\/www.garciafaura.com\\\/wp-content\\\/uploads\\\/2018\\\/11\\\/Promocio\\u0301-Castellsol-08.jpg&quot;,&quot;title&quot;:&quot;Treballs de fusteria d&#039;alumini en aquest complex d&#039;habitatges de Castelldefels&quot;},{&quot;src&quot;:&quot;https:\\\/\\\/www.garciafaura.com\\\/wp-content\\\/uploads\\\/2018\\\/11\\\/Promocio\\u0301-Castellsol-07.jpg&quot;,&quot;title&quot;:&quot;Treballs de fusteria d&#039;alumini en aquest complex d&#039;habitatges de Castelldefels&quot;},{&quot;src&quot;:&quot;https:\\\/\\\/www.garciafaura.com\\\/wp-content\\\/uploads\\\/2018\\\/11\\\/Promocio\\u0301-Castellsol-06.jpg&quot;,&quot;title&quot;:&quot;Treballs de fusteria d&#039;alumini en aquest complex d&#039;habitatges de Castelldefels&quot;},{&quot;src&quot;:&quot;https:\\\/\\\/www.garciafaura.com\\\/wp-content\\\/uploads\\\/2018\\\/11\\\/Promocio\\u0301-Castellsol-05.jpg&quot;,&quot;title&quot;:&quot;Treballs de fusteria d&#039;alumini en aquest complex d&#039;habitatges de Castelldefels&quot;},{&quot;src&quot;:&quot;https:\\\/\\\/www.garciafaura.com\\\/wp-content\\\/uploads\\\/2018\\\/11\\\/Promocio\\u0301-Castellsol-04.jpg&quot;,&quot;title&quot;:&quot;Treballs de fusteria d&#039;alumini en aquest complex d&#039;habitatges de Castelldefels&quot;},{&quot;src&quot;:&quot;https:\\\/\\\/www.garciafaura.com\\\/wp-content\\\/uploads\\\/2018\\\/11\\\/Promocio\\u0301-Castellsol-03.jpg&quot;,&quot;title&quot;:&quot;Treballs de fusteria d&#039;alumini en aquest complex d&#039;habitatges de Castelldefels&quot;},{&quot;src&quot;:&quot;https:\\\/\\\/www.garciafaura.com\\\/wp-content\\\/uploads\\\/2018\\\/11\\\/Promocio\\u0301-Castellsol-02.jpg&quot;,&quot;title&quot;:&quot;Treballs de fusteria d&#039;alumini en aquest complex d&#039;habitatges de Castelldefels&quot;}]\"><img loading=\"lazy\" decoding=\"async\" width=\"600\" height=\"314\" src=\"https:\/\/www.garciafaura.com\/wp-content\/uploads\/2018\/11\/Promocio\u0301-Castellsol-01.jpg\" class=\"portfolio-entry-img skip-lazy\" alt=\"Travaux de menuiserie en aluminium pour ce complexe de logements \u00e0 Castelldefels\" data-no-lazy=\"1\" srcset=\"https:\/\/www.garciafaura.com\/wp-content\/uploads\/2018\/11\/Promocio\u0301-Castellsol-01.jpg 600w, https:\/\/www.garciafaura.com\/wp-content\/uploads\/2018\/11\/Promocio\u0301-Castellsol-01-300x157.jpg 300w\" sizes=\"auto, (max-width: 600px) 100vw, 600px\" \/><\/a><\/div><div class=\"portfolio-entry-details entry-details wpex-clr\"><h2 class=\"portfolio-entry-title entry-title\"><a href=\"https:\/\/www.garciafaura.com\/fr\/portfolio-item\/promotion-castellsol\/\" title=\"Promotion Castellsol\">Promotion Castellsol<\/a><\/h2><div class=\"portfolio-entry-categories entry-categories wpex-clr\"><a href=\"https:\/\/www.garciafaura.com\/fr\/portfolio-category\/ensembles-residentiels\/\" class=\"term-77\">Ensembles r\u00e9sidentiels<\/a><\/div><\/div><\/div><\/div><div class=\"portfolio-entry vcex-grid-item entry-has-details span_1_of_3 col col-2 vcex-isotope-entry vcex-no-margin-entry post-20013 entry type-portfolio has-media cat-77 translation_priority-5\"><div class=\"portfolio-entry-inner entry-inner wpex-clr\"><div class=\"portfolio-entry-media entry-media wpex-clr\"><a href=\"https:\/\/www.garciafaura.com\/wp-content\/uploads\/2019\/03\/Promocio-Sant-Feliu-Fase-V-01-1.jpg\" title=\"Promotion Sant Feliu de Llobregat\" class=\"portfolio-entry-media-link wpex-lightbox-gallery\" data-gallery=\"[{&quot;src&quot;:&quot;https:\\\/\\\/www.garciafaura.com\\\/wp-content\\\/uploads\\\/2019\\\/03\\\/Promocio-Sant-Feliu-Fase-V-01-1.jpg&quot;,&quot;title&quot;:&quot;Fermetures pour promotion r\\u00e9sidentielle \\u00e0 Sant Feliu de Llobregat.&quot;},{&quot;src&quot;:&quot;https:\\\/\\\/www.garciafaura.com\\\/wp-content\\\/uploads\\\/2019\\\/03\\\/Promocio-Sant-Feliu-Fase-V-10-1.jpg&quot;,&quot;title&quot;:&quot;Tancaments en promoci\\u00f3 residencial a Sant Feliu de Llobregat&quot;},{&quot;src&quot;:&quot;https:\\\/\\\/www.garciafaura.com\\\/wp-content\\\/uploads\\\/2019\\\/03\\\/Promocio-Sant-Feliu-Fase-V-09-1.jpg&quot;,&quot;title&quot;:&quot;Tancaments en promoci\\u00f3 residencial a Sant Feliu de Llobregat&quot;},{&quot;src&quot;:&quot;https:\\\/\\\/www.garciafaura.com\\\/wp-content\\\/uploads\\\/2019\\\/03\\\/Promocio-Sant-Feliu-Fase-V-08-1.jpg&quot;,&quot;title&quot;:&quot;Tancaments en promoci\\u00f3 residencial a Sant Feliu de Llobregat&quot;},{&quot;src&quot;:&quot;https:\\\/\\\/www.garciafaura.com\\\/wp-content\\\/uploads\\\/2019\\\/03\\\/Promocio-Sant-Feliu-Fase-V-07-1.jpg&quot;,&quot;title&quot;:&quot;Tancaments en promoci\\u00f3 residencial a Sant Feliu de Llobregat&quot;},{&quot;src&quot;:&quot;https:\\\/\\\/www.garciafaura.com\\\/wp-content\\\/uploads\\\/2019\\\/03\\\/Promocio-Sant-Feliu-Fase-V-06-1.jpg&quot;,&quot;title&quot;:&quot;Tancaments en promoci\\u00f3 residencial a Sant Feliu de Llobregat&quot;},{&quot;src&quot;:&quot;https:\\\/\\\/www.garciafaura.com\\\/wp-content\\\/uploads\\\/2019\\\/03\\\/Promocio-Sant-Feliu-Fase-V-05-1.jpg&quot;,&quot;title&quot;:&quot;Tancaments en promoci\\u00f3 residencial a Sant Feliu de Llobregat&quot;},{&quot;src&quot;:&quot;https:\\\/\\\/www.garciafaura.com\\\/wp-content\\\/uploads\\\/2019\\\/03\\\/Promocio-Sant-Feliu-Fase-V-04-1.jpg&quot;,&quot;title&quot;:&quot;Tancaments en promoci\\u00f3 residencial a Sant Feliu de Llobregat&quot;},{&quot;src&quot;:&quot;https:\\\/\\\/www.garciafaura.com\\\/wp-content\\\/uploads\\\/2019\\\/03\\\/Promocio-Sant-Feliu-Fase-V-03-1.jpg&quot;,&quot;title&quot;:&quot;Tancaments en promoci\\u00f3 residencial a Sant Feliu de Llobregat&quot;},{&quot;src&quot;:&quot;https:\\\/\\\/www.garciafaura.com\\\/wp-content\\\/uploads\\\/2019\\\/03\\\/Promocio-Sant-Feliu-Fase-V-02-1.jpg&quot;,&quot;title&quot;:&quot;Tancaments en promoci\\u00f3 residencial a Sant Feliu de Llobregat&quot;}]\"><img loading=\"lazy\" decoding=\"async\" width=\"1200\" height=\"628\" src=\"https:\/\/www.garciafaura.com\/wp-content\/uploads\/2019\/03\/Promocio-Sant-Feliu-Fase-V-01-1.jpg\" class=\"portfolio-entry-img skip-lazy\" alt=\"Fermetures pour promotion r\u00e9sidentielle \u00e0 Sant Feliu de Llobregat.\" data-no-lazy=\"1\" srcset=\"https:\/\/www.garciafaura.com\/wp-content\/uploads\/2019\/03\/Promocio-Sant-Feliu-Fase-V-01-1.jpg 1200w, https:\/\/www.garciafaura.com\/wp-content\/uploads\/2019\/03\/Promocio-Sant-Feliu-Fase-V-01-1-300x157.jpg 300w, https:\/\/www.garciafaura.com\/wp-content\/uploads\/2019\/03\/Promocio-Sant-Feliu-Fase-V-01-1-768x402.jpg 768w, https:\/\/www.garciafaura.com\/wp-content\/uploads\/2019\/03\/Promocio-Sant-Feliu-Fase-V-01-1-1024x536.jpg 1024w\" sizes=\"auto, (max-width: 1200px) 100vw, 1200px\" \/><\/a><\/div><div class=\"portfolio-entry-details entry-details wpex-clr\"><h2 class=\"portfolio-entry-title entry-title\"><a href=\"https:\/\/www.garciafaura.com\/fr\/portfolio-item\/promotion-sant-feliu-de-llobregat-2\/\" title=\"Promotion Sant Feliu de Llobregat\">Promotion Sant Feliu de Llobregat<\/a><\/h2><div class=\"portfolio-entry-categories entry-categories wpex-clr\"><a href=\"https:\/\/www.garciafaura.com\/fr\/portfolio-category\/ensembles-residentiels\/\" class=\"term-77\">Ensembles r\u00e9sidentiels<\/a><\/div><\/div><\/div><\/div><div class=\"portfolio-entry vcex-grid-item entry-has-details span_1_of_3 col col-3 vcex-isotope-entry vcex-no-margin-entry post-20011 entry type-portfolio has-media cat-77 translation_priority-5\"><div class=\"portfolio-entry-inner entry-inner wpex-clr\"><div class=\"portfolio-entry-media entry-media wpex-clr\"><a href=\"https:\/\/www.garciafaura.com\/wp-content\/uploads\/2019\/01\/IMG_9184.jpg\" title=\"Promotion Sant Feliu de Llobregat\" class=\"portfolio-entry-media-link wpex-lightbox-gallery\" data-gallery=\"[{&quot;src&quot;:&quot;https:\\\/\\\/www.garciafaura.com\\\/wp-content\\\/uploads\\\/2019\\\/03\\\/Promocio-Sant-Feliu-Fase-V-01-1.jpg&quot;,&quot;title&quot;:&quot;Fermetures pour promotion r\\u00e9sidentielle \\u00e0 Sant Feliu de Llobregat.&quot;},{&quot;src&quot;:&quot;https:\\\/\\\/www.garciafaura.com\\\/wp-content\\\/uploads\\\/2019\\\/03\\\/Promocio-Sant-Feliu-Fase-V-10-1.jpg&quot;,&quot;title&quot;:&quot;Tancaments en promoci\\u00f3 residencial a Sant Feliu de Llobregat&quot;},{&quot;src&quot;:&quot;https:\\\/\\\/www.garciafaura.com\\\/wp-content\\\/uploads\\\/2019\\\/03\\\/Promocio-Sant-Feliu-Fase-V-09-1.jpg&quot;,&quot;title&quot;:&quot;Tancaments en promoci\\u00f3 residencial a Sant Feliu de Llobregat&quot;},{&quot;src&quot;:&quot;https:\\\/\\\/www.garciafaura.com\\\/wp-content\\\/uploads\\\/2019\\\/03\\\/Promocio-Sant-Feliu-Fase-V-08-1.jpg&quot;,&quot;title&quot;:&quot;Tancaments en promoci\\u00f3 residencial a Sant Feliu de Llobregat&quot;},{&quot;src&quot;:&quot;https:\\\/\\\/www.garciafaura.com\\\/wp-content\\\/uploads\\\/2019\\\/03\\\/Promocio-Sant-Feliu-Fase-V-07-1.jpg&quot;,&quot;title&quot;:&quot;Tancaments en promoci\\u00f3 residencial a Sant Feliu de Llobregat&quot;},{&quot;src&quot;:&quot;https:\\\/\\\/www.garciafaura.com\\\/wp-content\\\/uploads\\\/2019\\\/03\\\/Promocio-Sant-Feliu-Fase-V-06-1.jpg&quot;,&quot;title&quot;:&quot;Tancaments en promoci\\u00f3 residencial a Sant Feliu de Llobregat&quot;},{&quot;src&quot;:&quot;https:\\\/\\\/www.garciafaura.com\\\/wp-content\\\/uploads\\\/2019\\\/03\\\/Promocio-Sant-Feliu-Fase-V-05-1.jpg&quot;,&quot;title&quot;:&quot;Tancaments en promoci\\u00f3 residencial a Sant Feliu de Llobregat&quot;},{&quot;src&quot;:&quot;https:\\\/\\\/www.garciafaura.com\\\/wp-content\\\/uploads\\\/2019\\\/03\\\/Promocio-Sant-Feliu-Fase-V-04-1.jpg&quot;,&quot;title&quot;:&quot;Tancaments en promoci\\u00f3 residencial a Sant Feliu de Llobregat&quot;},{&quot;src&quot;:&quot;https:\\\/\\\/www.garciafaura.com\\\/wp-content\\\/uploads\\\/2019\\\/03\\\/Promocio-Sant-Feliu-Fase-V-03-1.jpg&quot;,&quot;title&quot;:&quot;Tancaments en promoci\\u00f3 residencial a Sant Feliu de Llobregat&quot;},{&quot;src&quot;:&quot;https:\\\/\\\/www.garciafaura.com\\\/wp-content\\\/uploads\\\/2019\\\/03\\\/Promocio-Sant-Feliu-Fase-V-02-1.jpg&quot;,&quot;title&quot;:&quot;Tancaments en promoci\\u00f3 residencial a Sant Feliu de Llobregat&quot;},{&quot;src&quot;:&quot;https:\\\/\\\/www.garciafaura.com\\\/wp-content\\\/uploads\\\/2019\\\/01\\\/IMG_9184.jpg&quot;,&quot;title&quot;:&quot;Fermetures en aluminium et verre pour immeuble r\\u00e9sidentiel \\u00e0 Sant Feliu de Llobregat.&quot;},{&quot;src&quot;:&quot;https:\\\/\\\/www.garciafaura.com\\\/wp-content\\\/uploads\\\/2019\\\/01\\\/IMG_9187.jpg&quot;,&quot;title&quot;:&quot;Tancaments d&#039;alumini i vidre per a edifici residencial a Sant Feliu de Llobregat&quot;},{&quot;src&quot;:&quot;https:\\\/\\\/www.garciafaura.com\\\/wp-content\\\/uploads\\\/2019\\\/01\\\/IMG_9186.jpg&quot;,&quot;title&quot;:&quot;Tancaments d&#039;alumini i vidre per a edifici residencial a Sant Feliu de Llobregat&quot;},{&quot;src&quot;:&quot;https:\\\/\\\/www.garciafaura.com\\\/wp-content\\\/uploads\\\/2019\\\/01\\\/IMG_9185.jpg&quot;,&quot;title&quot;:&quot;Tancaments d&#039;alumini i vidre per a edifici residencial a Sant Feliu de Llobregat&quot;},{&quot;src&quot;:&quot;https:\\\/\\\/www.garciafaura.com\\\/wp-content\\\/uploads\\\/2019\\\/01\\\/IMG_9171.jpg&quot;,&quot;title&quot;:&quot;Tancaments d&#039;alumini i vidre per a edifici residencial a Sant Feliu de Llobregat&quot;},{&quot;src&quot;:&quot;https:\\\/\\\/www.garciafaura.com\\\/wp-content\\\/uploads\\\/2019\\\/01\\\/IMG_9178.jpg&quot;,&quot;title&quot;:&quot;Tancaments d&#039;alumini i vidre per a edifici residencial a Sant Feliu de Llobregat&quot;},{&quot;src&quot;:&quot;https:\\\/\\\/www.garciafaura.com\\\/wp-content\\\/uploads\\\/2019\\\/01\\\/IMG_9176.jpg&quot;,&quot;title&quot;:&quot;Tancaments d&#039;alumini i vidre per a edifici residencial a Sant Feliu de Llobregat&quot;},{&quot;src&quot;:&quot;https:\\\/\\\/www.garciafaura.com\\\/wp-content\\\/uploads\\\/2019\\\/01\\\/IMG_9175.jpg&quot;,&quot;title&quot;:&quot;Tancaments d&#039;alumini i vidre per a edifici residencial a Sant Feliu de Llobregat&quot;}]\"><img loading=\"lazy\" decoding=\"async\" width=\"1200\" height=\"628\" src=\"https:\/\/www.garciafaura.com\/wp-content\/uploads\/2019\/01\/IMG_9184.jpg\" class=\"portfolio-entry-img skip-lazy\" alt=\"Fermetures en aluminium et verre pour immeuble r\u00e9sidentiel \u00e0 Sant Feliu de Llobregat.\" data-no-lazy=\"1\" srcset=\"https:\/\/www.garciafaura.com\/wp-content\/uploads\/2019\/01\/IMG_9184.jpg 1200w, https:\/\/www.garciafaura.com\/wp-content\/uploads\/2019\/01\/IMG_9184-300x157.jpg 300w, https:\/\/www.garciafaura.com\/wp-content\/uploads\/2019\/01\/IMG_9184-768x402.jpg 768w, https:\/\/www.garciafaura.com\/wp-content\/uploads\/2019\/01\/IMG_9184-1024x536.jpg 1024w\" sizes=\"auto, (max-width: 1200px) 100vw, 1200px\" \/><\/a><\/div><div class=\"portfolio-entry-details entry-details wpex-clr\"><h2 class=\"portfolio-entry-title entry-title\"><a href=\"https:\/\/www.garciafaura.com\/fr\/portfolio-item\/promotion-sant-feliu-de-llobregat\/\" title=\"Promotion Sant Feliu de Llobregat\">Promotion Sant Feliu de Llobregat<\/a><\/h2><div class=\"portfolio-entry-categories entry-categories wpex-clr\"><a href=\"https:\/\/www.garciafaura.com\/fr\/portfolio-category\/ensembles-residentiels\/\" class=\"term-77\">Ensembles r\u00e9sidentiels<\/a><\/div><\/div><\/div><\/div><\/div><\/div>[\/vc_column][\/vc_row]\n<\/div>","protected":false},"excerpt":{"rendered":"<p>[vc_row full_width=\u00a0\u00bbstretch_row\u00a0\u00bb wpex_bg_overlay=\u00a0\u00bbcolor\u00a0\u00bb wpex_bg_overlay_color=\u00a0\u00bb#d9d9d9&Prime; wpex_bg_overlay_opacity=\u00a0\u00bb0.85&Prime;][vc_column][vc_column_text]Confort et bien-\u00eatre au service de l&rsquo;usage r\u00e9sidentiel. Fermetures en aluminium et verre \u00e0 hautes performances thermiques et acoustiques, con\u00e7ues pour faire de votre logis un vrai foyer. GARCIA FAURA dispose d&rsquo;une exp\u00e9rience de plusieurs d\u00e9cennies&hellip;<\/p>\n","protected":false},"author":3,"featured_media":0,"parent":0,"menu_order":0,"comment_status":"closed","ping_status":"closed","template":"","meta":{"footnotes":""},"class_list":["post-20046","page","type-page","status-publish","hentry","entry","no-media"],"yoast_head":"<!-- This site is optimized with the Yoast SEO plugin v26.7 - https:\/\/yoast.com\/wordpress\/plugins\/seo\/ -->\n<title>Complexes r\u00e9sidentiels r\u00e9alis\u00e9s par GARCIA FAURA - GARCIA FAURA<\/title>\n<meta name=\"description\" content=\"Arquitectura en Alumini, Inox, Ferro i Vidre\" \/>\n<meta name=\"robots\" content=\"index, follow, max-snippet:-1, max-image-preview:large, max-video-preview:-1\" \/>\n<link rel=\"canonical\" href=\"https:\/\/www.garciafaura.com\/fr\/complexes-residentiels-realises-par-garcia-faura\/\" \/>\n<meta property=\"og:locale\" content=\"fr_FR\" \/>\n<meta property=\"og:type\" content=\"article\" \/>\n<meta property=\"og:title\" content=\"Complexes r\u00e9sidentiels r\u00e9alis\u00e9s par GARCIA FAURA - GARCIA FAURA\" \/>\n<meta property=\"og:description\" content=\"Arquitectura en Alumini, Inox, Ferro i Vidre\" \/>\n<meta property=\"og:url\" content=\"https:\/\/www.garciafaura.com\/fr\/complexes-residentiels-realises-par-garcia-faura\/\" \/>\n<meta property=\"og:site_name\" content=\"GARCIA FAURA\" \/>\n<meta property=\"article:modified_time\" content=\"2021-08-02T10:27:04+00:00\" \/>\n<meta name=\"twitter:card\" content=\"summary_large_image\" \/>\n<meta name=\"twitter:label1\" content=\"Dur\u00e9e de lecture estim\u00e9e\" \/>\n\t<meta name=\"twitter:data1\" content=\"1 minute\" \/>\n<script type=\"application\/ld+json\" class=\"yoast-schema-graph\">{\"@context\":\"https:\/\/schema.org\",\"@graph\":[{\"@type\":\"WebPage\",\"@id\":\"https:\/\/www.garciafaura.com\/fr\/complexes-residentiels-realises-par-garcia-faura\/\",\"url\":\"https:\/\/www.garciafaura.com\/fr\/complexes-residentiels-realises-par-garcia-faura\/\",\"name\":\"Complexes r\u00e9sidentiels r\u00e9alis\u00e9s par GARCIA FAURA - GARCIA FAURA\",\"isPartOf\":{\"@id\":\"https:\/\/www.garciafaura.com\/fr\/#website\"},\"datePublished\":\"2019-05-24T11:09:43+00:00\",\"dateModified\":\"2021-08-02T10:27:04+00:00\",\"description\":\"Arquitectura en Alumini, Inox, Ferro i Vidre\",\"breadcrumb\":{\"@id\":\"https:\/\/www.garciafaura.com\/fr\/complexes-residentiels-realises-par-garcia-faura\/#breadcrumb\"},\"inLanguage\":\"fr-FR\",\"potentialAction\":[{\"@type\":\"ReadAction\",\"target\":[\"https:\/\/www.garciafaura.com\/fr\/complexes-residentiels-realises-par-garcia-faura\/\"]}]},{\"@type\":\"BreadcrumbList\",\"@id\":\"https:\/\/www.garciafaura.com\/fr\/complexes-residentiels-realises-par-garcia-faura\/#breadcrumb\",\"itemListElement\":[{\"@type\":\"ListItem\",\"position\":1,\"name\":\"Inici\",\"item\":\"https:\/\/www.garciafaura.com\/fr\/\"},{\"@type\":\"ListItem\",\"position\":2,\"name\":\"Complexes r\u00e9sidentiels r\u00e9alis\u00e9s par GARCIA FAURA\"}]},{\"@type\":\"WebSite\",\"@id\":\"https:\/\/www.garciafaura.com\/fr\/#website\",\"url\":\"https:\/\/www.garciafaura.com\/fr\/\",\"name\":\"GARCIA FAURA\",\"description\":\"Arquitectura en Alumini, Inox, Ferro i Vidre\",\"publisher\":{\"@id\":\"https:\/\/www.garciafaura.com\/fr\/#organization\"},\"potentialAction\":[{\"@type\":\"SearchAction\",\"target\":{\"@type\":\"EntryPoint\",\"urlTemplate\":\"https:\/\/www.garciafaura.com\/fr\/?s={search_term_string}\"},\"query-input\":{\"@type\":\"PropertyValueSpecification\",\"valueRequired\":true,\"valueName\":\"search_term_string\"}}],\"inLanguage\":\"fr-FR\"},{\"@type\":\"Organization\",\"@id\":\"https:\/\/www.garciafaura.com\/fr\/#organization\",\"name\":\"GARCIA FAURA\",\"url\":\"https:\/\/www.garciafaura.com\/fr\/\",\"logo\":{\"@type\":\"ImageObject\",\"inLanguage\":\"fr-FR\",\"@id\":\"https:\/\/www.garciafaura.com\/fr\/#\/schema\/logo\/image\/\",\"url\":\"https:\/\/www.garciafaura.com\/wp-content\/uploads\/2018\/09\/Garcia-Faura.png\",\"contentUrl\":\"https:\/\/www.garciafaura.com\/wp-content\/uploads\/2018\/09\/Garcia-Faura.png\",\"width\":512,\"height\":512,\"caption\":\"GARCIA FAURA\"},\"image\":{\"@id\":\"https:\/\/www.garciafaura.com\/fr\/#\/schema\/logo\/image\/\"},\"sameAs\":[\"https:\/\/www.youtube.com\/user\/GARCIAFAURA\"]}]}<\/script>\n<!-- \/ Yoast SEO plugin. -->","yoast_head_json":{"title":"Complexes r\u00e9sidentiels r\u00e9alis\u00e9s par GARCIA FAURA - GARCIA FAURA","description":"Arquitectura en Alumini, Inox, Ferro i Vidre","robots":{"index":"index","follow":"follow","max-snippet":"max-snippet:-1","max-image-preview":"max-image-preview:large","max-video-preview":"max-video-preview:-1"},"canonical":"https:\/\/www.garciafaura.com\/fr\/complexes-residentiels-realises-par-garcia-faura\/","og_locale":"fr_FR","og_type":"article","og_title":"Complexes r\u00e9sidentiels r\u00e9alis\u00e9s par GARCIA FAURA - GARCIA FAURA","og_description":"Arquitectura en Alumini, Inox, Ferro i Vidre","og_url":"https:\/\/www.garciafaura.com\/fr\/complexes-residentiels-realises-par-garcia-faura\/","og_site_name":"GARCIA FAURA","article_modified_time":"2021-08-02T10:27:04+00:00","twitter_card":"summary_large_image","twitter_misc":{"Dur\u00e9e de lecture estim\u00e9e":"1 minute"},"schema":{"@context":"https:\/\/schema.org","@graph":[{"@type":"WebPage","@id":"https:\/\/www.garciafaura.com\/fr\/complexes-residentiels-realises-par-garcia-faura\/","url":"https:\/\/www.garciafaura.com\/fr\/complexes-residentiels-realises-par-garcia-faura\/","name":"Complexes r\u00e9sidentiels r\u00e9alis\u00e9s par GARCIA FAURA - GARCIA FAURA","isPartOf":{"@id":"https:\/\/www.garciafaura.com\/fr\/#website"},"datePublished":"2019-05-24T11:09:43+00:00","dateModified":"2021-08-02T10:27:04+00:00","description":"Arquitectura en Alumini, Inox, Ferro i Vidre","breadcrumb":{"@id":"https:\/\/www.garciafaura.com\/fr\/complexes-residentiels-realises-par-garcia-faura\/#breadcrumb"},"inLanguage":"fr-FR","potentialAction":[{"@type":"ReadAction","target":["https:\/\/www.garciafaura.com\/fr\/complexes-residentiels-realises-par-garcia-faura\/"]}]},{"@type":"BreadcrumbList","@id":"https:\/\/www.garciafaura.com\/fr\/complexes-residentiels-realises-par-garcia-faura\/#breadcrumb","itemListElement":[{"@type":"ListItem","position":1,"name":"Inici","item":"https:\/\/www.garciafaura.com\/fr\/"},{"@type":"ListItem","position":2,"name":"Complexes r\u00e9sidentiels r\u00e9alis\u00e9s par GARCIA FAURA"}]},{"@type":"WebSite","@id":"https:\/\/www.garciafaura.com\/fr\/#website","url":"https:\/\/www.garciafaura.com\/fr\/","name":"GARCIA FAURA","description":"Arquitectura en Alumini, Inox, Ferro i Vidre","publisher":{"@id":"https:\/\/www.garciafaura.com\/fr\/#organization"},"potentialAction":[{"@type":"SearchAction","target":{"@type":"EntryPoint","urlTemplate":"https:\/\/www.garciafaura.com\/fr\/?s={search_term_string}"},"query-input":{"@type":"PropertyValueSpecification","valueRequired":true,"valueName":"search_term_string"}}],"inLanguage":"fr-FR"},{"@type":"Organization","@id":"https:\/\/www.garciafaura.com\/fr\/#organization","name":"GARCIA FAURA","url":"https:\/\/www.garciafaura.com\/fr\/","logo":{"@type":"ImageObject","inLanguage":"fr-FR","@id":"https:\/\/www.garciafaura.com\/fr\/#\/schema\/logo\/image\/","url":"https:\/\/www.garciafaura.com\/wp-content\/uploads\/2018\/09\/Garcia-Faura.png","contentUrl":"https:\/\/www.garciafaura.com\/wp-content\/uploads\/2018\/09\/Garcia-Faura.png","width":512,"height":512,"caption":"GARCIA FAURA"},"image":{"@id":"https:\/\/www.garciafaura.com\/fr\/#\/schema\/logo\/image\/"},"sameAs":["https:\/\/www.youtube.com\/user\/GARCIAFAURA"]}]}},"_links":{"self":[{"href":"https:\/\/www.garciafaura.com\/fr\/wp-json\/wp\/v2\/pages\/20046","targetHints":{"allow":["GET"]}}],"collection":[{"href":"https:\/\/www.garciafaura.com\/fr\/wp-json\/wp\/v2\/pages"}],"about":[{"href":"https:\/\/www.garciafaura.com\/fr\/wp-json\/wp\/v2\/types\/page"}],"author":[{"embeddable":true,"href":"https:\/\/www.garciafaura.com\/fr\/wp-json\/wp\/v2\/users\/3"}],"replies":[{"embeddable":true,"href":"https:\/\/www.garciafaura.com\/fr\/wp-json\/wp\/v2\/comments?post=20046"}],"version-history":[{"count":4,"href":"https:\/\/www.garciafaura.com\/fr\/wp-json\/wp\/v2\/pages\/20046\/revisions"}],"predecessor-version":[{"id":27887,"href":"https:\/\/www.garciafaura.com\/fr\/wp-json\/wp\/v2\/pages\/20046\/revisions\/27887"}],"wp:attachment":[{"href":"https:\/\/www.garciafaura.com\/fr\/wp-json\/wp\/v2\/media?parent=20046"}],"curies":[{"name":"wp","href":"https:\/\/api.w.org\/{rel}","templated":true}]}}