{"id":20044,"date":"2019-05-24T11:09:32","date_gmt":"2019-05-24T11:09:32","guid":{"rendered":"https:\/\/www.garciafaura.com\/batiments-corporatifs-executes-par-garcia-faura\/"},"modified":"2021-08-02T12:24:14","modified_gmt":"2021-08-02T10:24:14","slug":"batiments-corporatifs-executes-par-garcia-faura","status":"publish","type":"page","link":"https:\/\/www.garciafaura.com\/fr\/batiments-corporatifs-executes-par-garcia-faura\/","title":{"rendered":"B\u00e2timents corporatifs ex\u00e9cut\u00e9s par GARCIA FAURA"},"content":{"rendered":"<div class=\"wpb-content-wrapper\">[vc_row full_width=\u00a0\u00bbstretch_row\u00a0\u00bb wpex_bg_overlay=\u00a0\u00bbcolor\u00a0\u00bb wpex_bg_overlay_color=\u00a0\u00bb#d9d9d9&Prime; wpex_bg_overlay_opacity=\u00a0\u00bb0.85&Prime;][vc_column]<div class=\"vcex-spacing\" style=\"height:30px\"><\/div>[vc_column_text]<span style=\"font-family: 'Open Sans'; font-size: 18px;\">Les entreprises exigent des standards de confort de plus en plus \u00e9lev\u00e9s. De ce fait, <strong>GARCIA FAURA<\/strong> dispose de solutions techniques adapt\u00e9es \u00e0 toutes sortes de besoins et qui combinent apparence esth\u00e9tique et fonctionnalit\u00e9. En outre, notre service Apr\u00e8s-vente garantit une intervention compl\u00e8te ult\u00e9rieure qui prolonge la vie et les usages de tout ce que nous installons.<\/span>[\/vc_column_text][\/vc_column][\/vc_row][vc_row][vc_column width=\u00a0\u00bb1\/2&Prime;][\/vc_column][vc_column width=\u00a0\u00bb1\/2&Prime;]<div class=\"vcex-spacing\" style=\"height:30px\"><\/div><div class=\"vcex-module vcex-searchbar clr\"><form method=\"get\" class=\"vcex-searchbar-form\" action=\"https:\/\/www.garciafaura.com\/fr\/\"><input type=\"search\" class=\"vcex-searchbar-input \" name=\"s\" placeholder=\"Recherche\" \/><input type=\"hidden\" name=\"post_type\" value=\"portfolio\"><input type=\"hidden\" name=\"lang\" value=\"fr\"><button class=\"vcex-searchbar-button\" style=\"background:#d7515e;font-weight:200;\">Recherche de projets<\/button><\/form><\/div>[\/vc_column][\/vc_row][vc_row full_width=\u00a0\u00bbstretch_row\u00a0\u00bb][vc_column]<div class=\"vcex-module vcex-portfolio-grid-wrap wpex-clr\"><div class=\"wpex-row vcex-portfolio-grid wpex-clr entries vcex-isotope-grid vcex-no-margin-grid\" data-show_title=\"false\"><div class=\"portfolio-entry vcex-grid-item entry-has-details span_1_of_3 col col-1 vcex-isotope-entry vcex-no-margin-entry post-38260 entry type-portfolio has-media cat-69 translation_priority-5\"><div class=\"portfolio-entry-inner entry-inner wpex-clr\"><div class=\"portfolio-entry-media entry-media wpex-clr\"><a href=\"https:\/\/www.garciafaura.com\/wp-content\/uploads\/2024\/10\/Viladecans-Business-Park-18.jpg\" title=\"Delta Business Center\" class=\"portfolio-entry-media-link wpex-lightbox-gallery\" data-gallery=\"[{&quot;src&quot;:&quot;https:\\\/\\\/www.garciafaura.com\\\/wp-content\\\/uploads\\\/2024\\\/10\\\/Viladecans-Business-Park-18.jpg&quot;},{&quot;src&quot;:&quot;https:\\\/\\\/www.garciafaura.com\\\/wp-content\\\/uploads\\\/2024\\\/10\\\/Viladecans-Business-Park-01.jpg&quot;},{&quot;src&quot;:&quot;https:\\\/\\\/www.garciafaura.com\\\/wp-content\\\/uploads\\\/2024\\\/10\\\/Viladecans-Business-Park-37.jpg&quot;},{&quot;src&quot;:&quot;https:\\\/\\\/www.garciafaura.com\\\/wp-content\\\/uploads\\\/2024\\\/10\\\/Viladecans-Business-Park-36.jpg&quot;},{&quot;src&quot;:&quot;https:\\\/\\\/www.garciafaura.com\\\/wp-content\\\/uploads\\\/2024\\\/10\\\/Viladecans-Business-Park-35.jpg&quot;},{&quot;src&quot;:&quot;https:\\\/\\\/www.garciafaura.com\\\/wp-content\\\/uploads\\\/2024\\\/10\\\/Viladecans-Business-Park-34.jpg&quot;},{&quot;src&quot;:&quot;https:\\\/\\\/www.garciafaura.com\\\/wp-content\\\/uploads\\\/2024\\\/10\\\/Viladecans-Business-Park-33.jpg&quot;},{&quot;src&quot;:&quot;https:\\\/\\\/www.garciafaura.com\\\/wp-content\\\/uploads\\\/2024\\\/10\\\/Viladecans-Business-Park-32.jpg&quot;},{&quot;src&quot;:&quot;https:\\\/\\\/www.garciafaura.com\\\/wp-content\\\/uploads\\\/2024\\\/10\\\/Viladecans-Business-Park-31.jpg&quot;},{&quot;src&quot;:&quot;https:\\\/\\\/www.garciafaura.com\\\/wp-content\\\/uploads\\\/2024\\\/10\\\/Viladecans-Business-Park-30.jpg&quot;},{&quot;src&quot;:&quot;https:\\\/\\\/www.garciafaura.com\\\/wp-content\\\/uploads\\\/2024\\\/10\\\/Viladecans-Business-Park-29.jpg&quot;},{&quot;src&quot;:&quot;https:\\\/\\\/www.garciafaura.com\\\/wp-content\\\/uploads\\\/2024\\\/10\\\/Viladecans-Business-Park-28.jpg&quot;},{&quot;src&quot;:&quot;https:\\\/\\\/www.garciafaura.com\\\/wp-content\\\/uploads\\\/2024\\\/10\\\/Viladecans-Business-Park-27.jpg&quot;},{&quot;src&quot;:&quot;https:\\\/\\\/www.garciafaura.com\\\/wp-content\\\/uploads\\\/2024\\\/10\\\/Viladecans-Business-Park-26.jpg&quot;},{&quot;src&quot;:&quot;https:\\\/\\\/www.garciafaura.com\\\/wp-content\\\/uploads\\\/2024\\\/10\\\/Viladecans-Business-Park-25.jpg&quot;},{&quot;src&quot;:&quot;https:\\\/\\\/www.garciafaura.com\\\/wp-content\\\/uploads\\\/2024\\\/10\\\/Viladecans-Business-Park-24.jpg&quot;},{&quot;src&quot;:&quot;https:\\\/\\\/www.garciafaura.com\\\/wp-content\\\/uploads\\\/2024\\\/10\\\/Viladecans-Business-Park-23.jpg&quot;},{&quot;src&quot;:&quot;https:\\\/\\\/www.garciafaura.com\\\/wp-content\\\/uploads\\\/2024\\\/10\\\/Viladecans-Business-Park-22.jpg&quot;},{&quot;src&quot;:&quot;https:\\\/\\\/www.garciafaura.com\\\/wp-content\\\/uploads\\\/2024\\\/10\\\/Viladecans-Business-Park-21.jpg&quot;},{&quot;src&quot;:&quot;https:\\\/\\\/www.garciafaura.com\\\/wp-content\\\/uploads\\\/2024\\\/10\\\/Viladecans-Business-Park-20.jpg&quot;},{&quot;src&quot;:&quot;https:\\\/\\\/www.garciafaura.com\\\/wp-content\\\/uploads\\\/2024\\\/10\\\/Viladecans-Business-Park-19.jpg&quot;},{&quot;src&quot;:&quot;https:\\\/\\\/www.garciafaura.com\\\/wp-content\\\/uploads\\\/2024\\\/10\\\/Viladecans-Business-Park-17.jpg&quot;},{&quot;src&quot;:&quot;https:\\\/\\\/www.garciafaura.com\\\/wp-content\\\/uploads\\\/2024\\\/10\\\/Viladecans-Business-Park-16.jpg&quot;},{&quot;src&quot;:&quot;https:\\\/\\\/www.garciafaura.com\\\/wp-content\\\/uploads\\\/2024\\\/10\\\/Viladecans-Business-Park-15.jpg&quot;},{&quot;src&quot;:&quot;https:\\\/\\\/www.garciafaura.com\\\/wp-content\\\/uploads\\\/2024\\\/10\\\/Viladecans-Business-Park-14.jpg&quot;},{&quot;src&quot;:&quot;https:\\\/\\\/www.garciafaura.com\\\/wp-content\\\/uploads\\\/2024\\\/10\\\/Viladecans-Business-Park-13.jpg&quot;},{&quot;src&quot;:&quot;https:\\\/\\\/www.garciafaura.com\\\/wp-content\\\/uploads\\\/2024\\\/10\\\/Viladecans-Business-Park-12.jpg&quot;},{&quot;src&quot;:&quot;https:\\\/\\\/www.garciafaura.com\\\/wp-content\\\/uploads\\\/2024\\\/10\\\/Viladecans-Business-Park-11.jpg&quot;},{&quot;src&quot;:&quot;https:\\\/\\\/www.garciafaura.com\\\/wp-content\\\/uploads\\\/2024\\\/10\\\/Viladecans-Business-Park-10.jpg&quot;},{&quot;src&quot;:&quot;https:\\\/\\\/www.garciafaura.com\\\/wp-content\\\/uploads\\\/2024\\\/10\\\/Viladecans-Business-Park-09.jpg&quot;},{&quot;src&quot;:&quot;https:\\\/\\\/www.garciafaura.com\\\/wp-content\\\/uploads\\\/2024\\\/10\\\/Viladecans-Business-Park-08.jpg&quot;},{&quot;src&quot;:&quot;https:\\\/\\\/www.garciafaura.com\\\/wp-content\\\/uploads\\\/2024\\\/10\\\/Viladecans-Business-Park-07.jpg&quot;},{&quot;src&quot;:&quot;https:\\\/\\\/www.garciafaura.com\\\/wp-content\\\/uploads\\\/2024\\\/10\\\/Viladecans-Business-Park-06.jpg&quot;},{&quot;src&quot;:&quot;https:\\\/\\\/www.garciafaura.com\\\/wp-content\\\/uploads\\\/2024\\\/10\\\/Viladecans-Business-Park-05.jpg&quot;},{&quot;src&quot;:&quot;https:\\\/\\\/www.garciafaura.com\\\/wp-content\\\/uploads\\\/2024\\\/10\\\/Viladecans-Business-Park-04.jpg&quot;},{&quot;src&quot;:&quot;https:\\\/\\\/www.garciafaura.com\\\/wp-content\\\/uploads\\\/2024\\\/10\\\/Viladecans-Business-Park-03.jpg&quot;},{&quot;src&quot;:&quot;https:\\\/\\\/www.garciafaura.com\\\/wp-content\\\/uploads\\\/2024\\\/10\\\/Viladecans-Business-Park-02.jpg&quot;}]\"><img loading=\"lazy\" decoding=\"async\" data-no-lazy=\"1\" class=\"portfolio-entry-img skip-lazy\" src=\"https:\/\/www.garciafaura.com\/wp-content\/uploads\/2024\/10\/Viladecans-Business-Park-18-600x314.jpg\" alt='' data-no-retina width=\"600\" height=\"314\" \/><\/a><\/div><div class=\"portfolio-entry-details entry-details wpex-clr\"><h2 class=\"portfolio-entry-title entry-title\"><a href=\"https:\/\/www.garciafaura.com\/fr\/portfolio-item\/delta-business-center\/\" title=\"Delta Business Center\">Delta Business Center<\/a><\/h2><div class=\"portfolio-entry-categories entry-categories wpex-clr\"><a href=\"https:\/\/www.garciafaura.com\/fr\/portfolio-category\/batiments-corporatifs\/\" class=\"term-69\">B\u00e2timents Corporatifs<\/a><\/div><\/div><\/div><\/div><div class=\"portfolio-entry vcex-grid-item entry-has-details span_1_of_3 col col-2 vcex-isotope-entry vcex-no-margin-entry post-34989 entry type-portfolio has-media cat-69 cat-93 cat-95 cat-90 cat-101 translation_priority-5\"><div class=\"portfolio-entry-inner entry-inner wpex-clr\"><div class=\"portfolio-entry-media entry-media wpex-clr\"><a href=\"https:\/\/www.garciafaura.com\/wp-content\/uploads\/2024\/02\/Edifici-A12-Consorci-Zona-Franca-38.jpg\" title=\"R\u00e9novation B\u00e2timent Consortium ZFB\" class=\"portfolio-entry-media-link wpex-lightbox-gallery\" data-gallery=\"[{&quot;src&quot;:&quot;https:\\\/\\\/www.garciafaura.com\\\/wp-content\\\/uploads\\\/2024\\\/02\\\/Edifici-A12-Consorci-Zona-Franca-38.jpg&quot;},{&quot;src&quot;:&quot;https:\\\/\\\/www.garciafaura.com\\\/wp-content\\\/uploads\\\/2024\\\/02\\\/Edifici-A12-Consorci-Zona-Franca-49.jpg&quot;},{&quot;src&quot;:&quot;https:\\\/\\\/www.garciafaura.com\\\/wp-content\\\/uploads\\\/2024\\\/02\\\/Edifici-A12-Consorci-Zona-Franca-48.jpg&quot;},{&quot;src&quot;:&quot;https:\\\/\\\/www.garciafaura.com\\\/wp-content\\\/uploads\\\/2024\\\/02\\\/Edifici-A12-Consorci-Zona-Franca-47.jpg&quot;},{&quot;src&quot;:&quot;https:\\\/\\\/www.garciafaura.com\\\/wp-content\\\/uploads\\\/2024\\\/02\\\/Edifici-A12-Consorci-Zona-Franca-46.jpg&quot;},{&quot;src&quot;:&quot;https:\\\/\\\/www.garciafaura.com\\\/wp-content\\\/uploads\\\/2024\\\/02\\\/Edifici-A12-Consorci-Zona-Franca-45.jpg&quot;},{&quot;src&quot;:&quot;https:\\\/\\\/www.garciafaura.com\\\/wp-content\\\/uploads\\\/2024\\\/02\\\/Edifici-A12-Consorci-Zona-Franca-44.jpg&quot;},{&quot;src&quot;:&quot;https:\\\/\\\/www.garciafaura.com\\\/wp-content\\\/uploads\\\/2024\\\/02\\\/Edifici-A12-Consorci-Zona-Franca-43.jpg&quot;},{&quot;src&quot;:&quot;https:\\\/\\\/www.garciafaura.com\\\/wp-content\\\/uploads\\\/2024\\\/02\\\/Edifici-A12-Consorci-Zona-Franca-42.jpg&quot;},{&quot;src&quot;:&quot;https:\\\/\\\/www.garciafaura.com\\\/wp-content\\\/uploads\\\/2024\\\/02\\\/Edifici-A12-Consorci-Zona-Franca-41.jpg&quot;},{&quot;src&quot;:&quot;https:\\\/\\\/www.garciafaura.com\\\/wp-content\\\/uploads\\\/2024\\\/02\\\/Edifici-A12-Consorci-Zona-Franca-40.jpg&quot;},{&quot;src&quot;:&quot;https:\\\/\\\/www.garciafaura.com\\\/wp-content\\\/uploads\\\/2024\\\/02\\\/Edifici-A12-Consorci-Zona-Franca-39.jpg&quot;},{&quot;src&quot;:&quot;https:\\\/\\\/www.garciafaura.com\\\/wp-content\\\/uploads\\\/2024\\\/02\\\/Edifici-A12-Consorci-Zona-Franca-37.jpg&quot;},{&quot;src&quot;:&quot;https:\\\/\\\/www.garciafaura.com\\\/wp-content\\\/uploads\\\/2024\\\/02\\\/Edifici-A12-Consorci-Zona-Franca-36.jpg&quot;},{&quot;src&quot;:&quot;https:\\\/\\\/www.garciafaura.com\\\/wp-content\\\/uploads\\\/2024\\\/02\\\/Edifici-A12-Consorci-Zona-Franca-35.jpg&quot;},{&quot;src&quot;:&quot;https:\\\/\\\/www.garciafaura.com\\\/wp-content\\\/uploads\\\/2024\\\/02\\\/Edifici-A12-Consorci-Zona-Franca-34.jpg&quot;},{&quot;src&quot;:&quot;https:\\\/\\\/www.garciafaura.com\\\/wp-content\\\/uploads\\\/2024\\\/02\\\/Edifici-A12-Consorci-Zona-Franca-33.jpg&quot;},{&quot;src&quot;:&quot;https:\\\/\\\/www.garciafaura.com\\\/wp-content\\\/uploads\\\/2024\\\/02\\\/Edifici-A12-Consorci-Zona-Franca-32.jpg&quot;},{&quot;src&quot;:&quot;https:\\\/\\\/www.garciafaura.com\\\/wp-content\\\/uploads\\\/2024\\\/02\\\/Edifici-A12-Consorci-Zona-Franca-31.jpg&quot;},{&quot;src&quot;:&quot;https:\\\/\\\/www.garciafaura.com\\\/wp-content\\\/uploads\\\/2024\\\/02\\\/Edifici-A12-Consorci-Zona-Franca-30.jpg&quot;},{&quot;src&quot;:&quot;https:\\\/\\\/www.garciafaura.com\\\/wp-content\\\/uploads\\\/2024\\\/02\\\/Edifici-A12-Consorci-Zona-Franca-29.jpg&quot;},{&quot;src&quot;:&quot;https:\\\/\\\/www.garciafaura.com\\\/wp-content\\\/uploads\\\/2024\\\/02\\\/Edifici-A12-Consorci-Zona-Franca-28.jpg&quot;},{&quot;src&quot;:&quot;https:\\\/\\\/www.garciafaura.com\\\/wp-content\\\/uploads\\\/2024\\\/02\\\/Edifici-A12-Consorci-Zona-Franca-27.jpg&quot;},{&quot;src&quot;:&quot;https:\\\/\\\/www.garciafaura.com\\\/wp-content\\\/uploads\\\/2024\\\/02\\\/Edifici-A12-Consorci-Zona-Franca-26.jpg&quot;},{&quot;src&quot;:&quot;https:\\\/\\\/www.garciafaura.com\\\/wp-content\\\/uploads\\\/2024\\\/02\\\/Edifici-A12-Consorci-Zona-Franca-25.jpg&quot;},{&quot;src&quot;:&quot;https:\\\/\\\/www.garciafaura.com\\\/wp-content\\\/uploads\\\/2024\\\/02\\\/Edifici-A12-Consorci-Zona-Franca-24.jpg&quot;},{&quot;src&quot;:&quot;https:\\\/\\\/www.garciafaura.com\\\/wp-content\\\/uploads\\\/2024\\\/02\\\/Edifici-A12-Consorci-Zona-Franca-23.jpg&quot;},{&quot;src&quot;:&quot;https:\\\/\\\/www.garciafaura.com\\\/wp-content\\\/uploads\\\/2024\\\/02\\\/Edifici-A12-Consorci-Zona-Franca-22.jpg&quot;},{&quot;src&quot;:&quot;https:\\\/\\\/www.garciafaura.com\\\/wp-content\\\/uploads\\\/2024\\\/02\\\/Edifici-A12-Consorci-Zona-Franca-21.jpg&quot;},{&quot;src&quot;:&quot;https:\\\/\\\/www.garciafaura.com\\\/wp-content\\\/uploads\\\/2024\\\/02\\\/Edifici-A12-Consorci-Zona-Franca-20.jpg&quot;},{&quot;src&quot;:&quot;https:\\\/\\\/www.garciafaura.com\\\/wp-content\\\/uploads\\\/2024\\\/02\\\/Edifici-A12-Consorci-Zona-Franca-19.jpg&quot;},{&quot;src&quot;:&quot;https:\\\/\\\/www.garciafaura.com\\\/wp-content\\\/uploads\\\/2024\\\/02\\\/Edifici-A12-Consorci-Zona-Franca-18.jpg&quot;},{&quot;src&quot;:&quot;https:\\\/\\\/www.garciafaura.com\\\/wp-content\\\/uploads\\\/2024\\\/02\\\/Edifici-A12-Consorci-Zona-Franca-17.jpg&quot;},{&quot;src&quot;:&quot;https:\\\/\\\/www.garciafaura.com\\\/wp-content\\\/uploads\\\/2024\\\/02\\\/Edifici-A12-Consorci-Zona-Franca-16.jpg&quot;},{&quot;src&quot;:&quot;https:\\\/\\\/www.garciafaura.com\\\/wp-content\\\/uploads\\\/2024\\\/02\\\/Edifici-A12-Consorci-Zona-Franca-15.jpg&quot;},{&quot;src&quot;:&quot;https:\\\/\\\/www.garciafaura.com\\\/wp-content\\\/uploads\\\/2024\\\/02\\\/Edifici-A12-Consorci-Zona-Franca-14.jpg&quot;},{&quot;src&quot;:&quot;https:\\\/\\\/www.garciafaura.com\\\/wp-content\\\/uploads\\\/2024\\\/02\\\/Edifici-A12-Consorci-Zona-Franca-13.jpg&quot;},{&quot;src&quot;:&quot;https:\\\/\\\/www.garciafaura.com\\\/wp-content\\\/uploads\\\/2024\\\/02\\\/Edifici-A12-Consorci-Zona-Franca-12.jpg&quot;},{&quot;src&quot;:&quot;https:\\\/\\\/www.garciafaura.com\\\/wp-content\\\/uploads\\\/2024\\\/02\\\/Edifici-A12-Consorci-Zona-Franca-11.jpg&quot;},{&quot;src&quot;:&quot;https:\\\/\\\/www.garciafaura.com\\\/wp-content\\\/uploads\\\/2024\\\/02\\\/Edifici-A12-Consorci-Zona-Franca-10.jpg&quot;},{&quot;src&quot;:&quot;https:\\\/\\\/www.garciafaura.com\\\/wp-content\\\/uploads\\\/2024\\\/02\\\/Edifici-A12-Consorci-Zona-Franca-9.jpg&quot;},{&quot;src&quot;:&quot;https:\\\/\\\/www.garciafaura.com\\\/wp-content\\\/uploads\\\/2024\\\/02\\\/Edifici-A12-Consorci-Zona-Franca-8.jpg&quot;},{&quot;src&quot;:&quot;https:\\\/\\\/www.garciafaura.com\\\/wp-content\\\/uploads\\\/2024\\\/02\\\/Edifici-A12-Consorci-Zona-Franca-7.jpg&quot;},{&quot;src&quot;:&quot;https:\\\/\\\/www.garciafaura.com\\\/wp-content\\\/uploads\\\/2024\\\/02\\\/Edifici-A12-Consorci-Zona-Franca-6.jpg&quot;,&quot;title&quot;:&quot;GARCIA FAURA&quot;},{&quot;src&quot;:&quot;https:\\\/\\\/www.garciafaura.com\\\/wp-content\\\/uploads\\\/2024\\\/02\\\/Edifici-A12-Consorci-Zona-Franca-5.jpg&quot;,&quot;title&quot;:&quot;GARCIA FAURA&quot;},{&quot;src&quot;:&quot;https:\\\/\\\/www.garciafaura.com\\\/wp-content\\\/uploads\\\/2024\\\/02\\\/Edifici-A12-Consorci-Zona-Franca-4.jpg&quot;,&quot;title&quot;:&quot;GARCIA FAURA&quot;},{&quot;src&quot;:&quot;https:\\\/\\\/www.garciafaura.com\\\/wp-content\\\/uploads\\\/2024\\\/02\\\/Edifici-A12-Consorci-Zona-Franca-3.jpg&quot;,&quot;title&quot;:&quot;GARCIA FAURA&quot;},{&quot;src&quot;:&quot;https:\\\/\\\/www.garciafaura.com\\\/wp-content\\\/uploads\\\/2024\\\/02\\\/Edifici-A12-Consorci-Zona-Franca-2.jpg&quot;,&quot;title&quot;:&quot;GARCIA FAURA&quot;},{&quot;src&quot;:&quot;https:\\\/\\\/www.garciafaura.com\\\/wp-content\\\/uploads\\\/2024\\\/02\\\/Edifici-A12-Consorci-Zona-Franca-1.jpg&quot;,&quot;title&quot;:&quot;GARCIA FAURA&quot;}]\"><img loading=\"lazy\" decoding=\"async\" data-no-lazy=\"1\" class=\"portfolio-entry-img skip-lazy\" src=\"https:\/\/www.garciafaura.com\/wp-content\/uploads\/2024\/02\/Edifici-A12-Consorci-Zona-Franca-38-600x314.jpg\" alt='' data-no-retina width=\"600\" height=\"314\" \/><\/a><\/div><div class=\"portfolio-entry-details entry-details wpex-clr\"><h2 class=\"portfolio-entry-title entry-title\"><a href=\"https:\/\/www.garciafaura.com\/fr\/portfolio-item\/rehabilitacio-edifici-consorci-zfb\/\" title=\"R\u00e9novation B\u00e2timent Consortium ZFB\">R\u00e9novation B\u00e2timent Consortium ZFB<\/a><\/h2><div class=\"portfolio-entry-categories entry-categories wpex-clr\"><a href=\"https:\/\/www.garciafaura.com\/fr\/portfolio-category\/facades-remarquables\/\" class=\"term-95\">Fa\u00e7ades Remarquables<\/a><\/div><\/div><\/div><\/div><div class=\"portfolio-entry vcex-grid-item entry-has-details span_1_of_3 col col-3 vcex-isotope-entry vcex-no-margin-entry post-34426 entry type-portfolio has-media cat-69 cat-102 cat-93 cat-95 cat-90 cat-101 translation_priority-5\"><div class=\"portfolio-entry-inner entry-inner wpex-clr\"><div class=\"portfolio-entry-media entry-media wpex-clr\"><a href=\"https:\/\/www.garciafaura.com\/wp-content\/uploads\/2024\/01\/Rehab-edifici-Estel-02.jpg\" title=\"R\u00e9novation de l&rsquo;immeuble Estel\" class=\"portfolio-entry-media-link wpex-lightbox-gallery\" data-gallery=\"[{&quot;src&quot;:&quot;https:\\\/\\\/www.garciafaura.com\\\/wp-content\\\/uploads\\\/2024\\\/01\\\/Rehab-edifici-Estel-03.jpg&quot;},{&quot;src&quot;:&quot;https:\\\/\\\/www.garciafaura.com\\\/wp-content\\\/uploads\\\/2024\\\/01\\\/Rehab-edifici-Estel-01.jpg&quot;},{&quot;src&quot;:&quot;https:\\\/\\\/www.garciafaura.com\\\/wp-content\\\/uploads\\\/2024\\\/01\\\/Rehab-edifici-Estel-57.jpg&quot;},{&quot;src&quot;:&quot;https:\\\/\\\/www.garciafaura.com\\\/wp-content\\\/uploads\\\/2024\\\/01\\\/Rehab-edifici-Estel-56.jpg&quot;},{&quot;src&quot;:&quot;https:\\\/\\\/www.garciafaura.com\\\/wp-content\\\/uploads\\\/2024\\\/01\\\/Rehab-edifici-Estel-55.jpg&quot;},{&quot;src&quot;:&quot;https:\\\/\\\/www.garciafaura.com\\\/wp-content\\\/uploads\\\/2024\\\/01\\\/Rehab-edifici-Estel-54.jpg&quot;},{&quot;src&quot;:&quot;https:\\\/\\\/www.garciafaura.com\\\/wp-content\\\/uploads\\\/2024\\\/01\\\/Rehab-edifici-Estel-53.jpg&quot;},{&quot;src&quot;:&quot;https:\\\/\\\/www.garciafaura.com\\\/wp-content\\\/uploads\\\/2024\\\/01\\\/Rehab-edifici-Estel-52.jpg&quot;},{&quot;src&quot;:&quot;https:\\\/\\\/www.garciafaura.com\\\/wp-content\\\/uploads\\\/2024\\\/01\\\/Rehab-edifici-Estel-51.jpg&quot;},{&quot;src&quot;:&quot;https:\\\/\\\/www.garciafaura.com\\\/wp-content\\\/uploads\\\/2024\\\/01\\\/Rehab-edifici-Estel-50.jpg&quot;},{&quot;src&quot;:&quot;https:\\\/\\\/www.garciafaura.com\\\/wp-content\\\/uploads\\\/2024\\\/01\\\/Rehab-edifici-Estel-49.jpg&quot;},{&quot;src&quot;:&quot;https:\\\/\\\/www.garciafaura.com\\\/wp-content\\\/uploads\\\/2024\\\/01\\\/Rehab-edifici-Estel-48.jpg&quot;},{&quot;src&quot;:&quot;https:\\\/\\\/www.garciafaura.com\\\/wp-content\\\/uploads\\\/2024\\\/01\\\/Rehab-edifici-Estel-47.jpg&quot;},{&quot;src&quot;:&quot;https:\\\/\\\/www.garciafaura.com\\\/wp-content\\\/uploads\\\/2024\\\/01\\\/Rehab-edifici-Estel-46.jpg&quot;},{&quot;src&quot;:&quot;https:\\\/\\\/www.garciafaura.com\\\/wp-content\\\/uploads\\\/2024\\\/01\\\/Rehab-edifici-Estel-45.jpg&quot;},{&quot;src&quot;:&quot;https:\\\/\\\/www.garciafaura.com\\\/wp-content\\\/uploads\\\/2024\\\/01\\\/Rehab-edifici-Estel-44.jpg&quot;},{&quot;src&quot;:&quot;https:\\\/\\\/www.garciafaura.com\\\/wp-content\\\/uploads\\\/2024\\\/01\\\/Rehab-edifici-Estel-43.jpg&quot;},{&quot;src&quot;:&quot;https:\\\/\\\/www.garciafaura.com\\\/wp-content\\\/uploads\\\/2024\\\/01\\\/Rehab-edifici-Estel-42.jpg&quot;},{&quot;src&quot;:&quot;https:\\\/\\\/www.garciafaura.com\\\/wp-content\\\/uploads\\\/2024\\\/01\\\/Rehab-edifici-Estel-41.jpg&quot;},{&quot;src&quot;:&quot;https:\\\/\\\/www.garciafaura.com\\\/wp-content\\\/uploads\\\/2024\\\/01\\\/Rehab-edifici-Estel-40.jpg&quot;},{&quot;src&quot;:&quot;https:\\\/\\\/www.garciafaura.com\\\/wp-content\\\/uploads\\\/2024\\\/01\\\/Rehab-edifici-Estel-39.jpg&quot;},{&quot;src&quot;:&quot;https:\\\/\\\/www.garciafaura.com\\\/wp-content\\\/uploads\\\/2024\\\/01\\\/Rehab-edifici-Estel-38.jpg&quot;},{&quot;src&quot;:&quot;https:\\\/\\\/www.garciafaura.com\\\/wp-content\\\/uploads\\\/2024\\\/01\\\/Rehab-edifici-Estel-37.jpg&quot;},{&quot;src&quot;:&quot;https:\\\/\\\/www.garciafaura.com\\\/wp-content\\\/uploads\\\/2024\\\/01\\\/Rehab-edifici-Estel-36.jpg&quot;},{&quot;src&quot;:&quot;https:\\\/\\\/www.garciafaura.com\\\/wp-content\\\/uploads\\\/2024\\\/01\\\/Rehab-edifici-Estel-35.jpg&quot;},{&quot;src&quot;:&quot;https:\\\/\\\/www.garciafaura.com\\\/wp-content\\\/uploads\\\/2024\\\/01\\\/Rehab-edifici-Estel-34.jpg&quot;},{&quot;src&quot;:&quot;https:\\\/\\\/www.garciafaura.com\\\/wp-content\\\/uploads\\\/2024\\\/01\\\/Rehab-edifici-Estel-33.jpg&quot;},{&quot;src&quot;:&quot;https:\\\/\\\/www.garciafaura.com\\\/wp-content\\\/uploads\\\/2024\\\/01\\\/Rehab-edifici-Estel-32.jpg&quot;},{&quot;src&quot;:&quot;https:\\\/\\\/www.garciafaura.com\\\/wp-content\\\/uploads\\\/2024\\\/01\\\/Rehab-edifici-Estel-31.jpg&quot;},{&quot;src&quot;:&quot;https:\\\/\\\/www.garciafaura.com\\\/wp-content\\\/uploads\\\/2024\\\/01\\\/Rehab-edifici-Estel-30.jpg&quot;},{&quot;src&quot;:&quot;https:\\\/\\\/www.garciafaura.com\\\/wp-content\\\/uploads\\\/2024\\\/01\\\/Rehab-edifici-Estel-29.jpg&quot;},{&quot;src&quot;:&quot;https:\\\/\\\/www.garciafaura.com\\\/wp-content\\\/uploads\\\/2024\\\/01\\\/Rehab-edifici-Estel-28.jpg&quot;},{&quot;src&quot;:&quot;https:\\\/\\\/www.garciafaura.com\\\/wp-content\\\/uploads\\\/2024\\\/01\\\/Rehab-edifici-Estel-27.jpg&quot;},{&quot;src&quot;:&quot;https:\\\/\\\/www.garciafaura.com\\\/wp-content\\\/uploads\\\/2024\\\/01\\\/Rehab-edifici-Estel-26.jpg&quot;},{&quot;src&quot;:&quot;https:\\\/\\\/www.garciafaura.com\\\/wp-content\\\/uploads\\\/2024\\\/01\\\/Rehab-edifici-Estel-25.jpg&quot;},{&quot;src&quot;:&quot;https:\\\/\\\/www.garciafaura.com\\\/wp-content\\\/uploads\\\/2024\\\/01\\\/Rehab-edifici-Estel-24.jpg&quot;},{&quot;src&quot;:&quot;https:\\\/\\\/www.garciafaura.com\\\/wp-content\\\/uploads\\\/2024\\\/01\\\/Rehab-edifici-Estel-23.jpg&quot;},{&quot;src&quot;:&quot;https:\\\/\\\/www.garciafaura.com\\\/wp-content\\\/uploads\\\/2024\\\/01\\\/Rehab-edifici-Estel-22.jpg&quot;},{&quot;src&quot;:&quot;https:\\\/\\\/www.garciafaura.com\\\/wp-content\\\/uploads\\\/2024\\\/01\\\/Rehab-edifici-Estel-21.jpg&quot;},{&quot;src&quot;:&quot;https:\\\/\\\/www.garciafaura.com\\\/wp-content\\\/uploads\\\/2024\\\/01\\\/Rehab-edifici-Estel-20.jpg&quot;},{&quot;src&quot;:&quot;https:\\\/\\\/www.garciafaura.com\\\/wp-content\\\/uploads\\\/2024\\\/01\\\/Rehab-edifici-Estel-19.jpg&quot;},{&quot;src&quot;:&quot;https:\\\/\\\/www.garciafaura.com\\\/wp-content\\\/uploads\\\/2024\\\/01\\\/Rehab-edifici-Estel-18.jpg&quot;},{&quot;src&quot;:&quot;https:\\\/\\\/www.garciafaura.com\\\/wp-content\\\/uploads\\\/2024\\\/01\\\/Rehab-edifici-Estel-17.jpg&quot;},{&quot;src&quot;:&quot;https:\\\/\\\/www.garciafaura.com\\\/wp-content\\\/uploads\\\/2024\\\/01\\\/Rehab-edifici-Estel-16.jpg&quot;},{&quot;src&quot;:&quot;https:\\\/\\\/www.garciafaura.com\\\/wp-content\\\/uploads\\\/2024\\\/01\\\/Rehab-edifici-Estel-15.jpg&quot;},{&quot;src&quot;:&quot;https:\\\/\\\/www.garciafaura.com\\\/wp-content\\\/uploads\\\/2024\\\/01\\\/Rehab-edifici-Estel-14.jpg&quot;},{&quot;src&quot;:&quot;https:\\\/\\\/www.garciafaura.com\\\/wp-content\\\/uploads\\\/2024\\\/01\\\/Rehab-edifici-Estel-13.jpg&quot;},{&quot;src&quot;:&quot;https:\\\/\\\/www.garciafaura.com\\\/wp-content\\\/uploads\\\/2024\\\/01\\\/Rehab-edifici-Estel-12.jpg&quot;},{&quot;src&quot;:&quot;https:\\\/\\\/www.garciafaura.com\\\/wp-content\\\/uploads\\\/2024\\\/01\\\/Rehab-edifici-Estel-11.jpg&quot;},{&quot;src&quot;:&quot;https:\\\/\\\/www.garciafaura.com\\\/wp-content\\\/uploads\\\/2024\\\/01\\\/Rehab-edifici-Estel-10.jpg&quot;},{&quot;src&quot;:&quot;https:\\\/\\\/www.garciafaura.com\\\/wp-content\\\/uploads\\\/2024\\\/01\\\/Rehab-edifici-Estel-09.jpg&quot;},{&quot;src&quot;:&quot;https:\\\/\\\/www.garciafaura.com\\\/wp-content\\\/uploads\\\/2024\\\/01\\\/Rehab-edifici-Estel-08.jpg&quot;},{&quot;src&quot;:&quot;https:\\\/\\\/www.garciafaura.com\\\/wp-content\\\/uploads\\\/2024\\\/01\\\/Rehab-edifici-Estel-07.jpg&quot;},{&quot;src&quot;:&quot;https:\\\/\\\/www.garciafaura.com\\\/wp-content\\\/uploads\\\/2024\\\/01\\\/Rehab-edifici-Estel-06.jpg&quot;},{&quot;src&quot;:&quot;https:\\\/\\\/www.garciafaura.com\\\/wp-content\\\/uploads\\\/2024\\\/01\\\/Rehab-edifici-Estel-05.jpg&quot;},{&quot;src&quot;:&quot;https:\\\/\\\/www.garciafaura.com\\\/wp-content\\\/uploads\\\/2024\\\/01\\\/Rehab-edifici-Estel-04.jpg&quot;},{&quot;src&quot;:&quot;https:\\\/\\\/www.garciafaura.com\\\/wp-content\\\/uploads\\\/2024\\\/01\\\/Rehab-edifici-Estel-02.jpg&quot;}]\"><img loading=\"lazy\" decoding=\"async\" data-no-lazy=\"1\" class=\"portfolio-entry-img skip-lazy\" src=\"https:\/\/www.garciafaura.com\/wp-content\/uploads\/2024\/01\/Rehab-edifici-Estel-02-600x314.jpg\" alt='' data-no-retina width=\"600\" height=\"314\" \/><\/a><\/div><div class=\"portfolio-entry-details entry-details wpex-clr\"><h2 class=\"portfolio-entry-title entry-title\"><a href=\"https:\/\/www.garciafaura.com\/fr\/portfolio-item\/transformacio-edifici-estel\/\" title=\"R\u00e9novation de l&rsquo;immeuble Estel\">R\u00e9novation de l&rsquo;immeuble Estel<\/a><\/h2><div class=\"portfolio-entry-categories entry-categories wpex-clr\"><a href=\"https:\/\/www.garciafaura.com\/fr\/portfolio-category\/reamenagement\/\" class=\"term-90\">R\u00e9am\u00e9nagement<\/a><\/div><\/div><\/div><\/div><div class=\"portfolio-entry vcex-grid-item entry-has-details span_1_of_3 col col-1 vcex-isotope-entry vcex-no-margin-entry post-33588 entry type-portfolio has-media cat-69 cat-102 cat-93 cat-95 translation_priority-5\"><div class=\"portfolio-entry-inner entry-inner wpex-clr\"><div class=\"portfolio-entry-media entry-media wpex-clr\"><a href=\"https:\/\/www.garciafaura.com\/wp-content\/uploads\/2023\/10\/Complex-oficines-22@-01.jpg\" title=\"Complex bureaux Nubiola 22@\" class=\"portfolio-entry-media-link wpex-lightbox-gallery\" data-gallery=\"[{&quot;src&quot;:&quot;https:\\\/\\\/www.garciafaura.com\\\/wp-content\\\/uploads\\\/2023\\\/10\\\/Complex-oficines-22@-01.jpg&quot;},{&quot;src&quot;:&quot;https:\\\/\\\/www.garciafaura.com\\\/wp-content\\\/uploads\\\/2023\\\/10\\\/Complex-oficines-22@-20.jpg&quot;},{&quot;src&quot;:&quot;https:\\\/\\\/www.garciafaura.com\\\/wp-content\\\/uploads\\\/2023\\\/10\\\/Complex-oficines-22@-19.jpg&quot;},{&quot;src&quot;:&quot;https:\\\/\\\/www.garciafaura.com\\\/wp-content\\\/uploads\\\/2023\\\/10\\\/Complex-oficines-22@-18.jpg&quot;},{&quot;src&quot;:&quot;https:\\\/\\\/www.garciafaura.com\\\/wp-content\\\/uploads\\\/2023\\\/10\\\/Complex-oficines-22@-17.jpg&quot;},{&quot;src&quot;:&quot;https:\\\/\\\/www.garciafaura.com\\\/wp-content\\\/uploads\\\/2023\\\/10\\\/Complex-oficines-22@-16.jpg&quot;},{&quot;src&quot;:&quot;https:\\\/\\\/www.garciafaura.com\\\/wp-content\\\/uploads\\\/2023\\\/10\\\/Complex-oficines-22@-15.jpg&quot;},{&quot;src&quot;:&quot;https:\\\/\\\/www.garciafaura.com\\\/wp-content\\\/uploads\\\/2023\\\/10\\\/Complex-oficines-22@-14.jpg&quot;},{&quot;src&quot;:&quot;https:\\\/\\\/www.garciafaura.com\\\/wp-content\\\/uploads\\\/2023\\\/10\\\/Complex-oficines-22@-13.jpg&quot;},{&quot;src&quot;:&quot;https:\\\/\\\/www.garciafaura.com\\\/wp-content\\\/uploads\\\/2023\\\/10\\\/Complex-oficines-22@-12.jpg&quot;},{&quot;src&quot;:&quot;https:\\\/\\\/www.garciafaura.com\\\/wp-content\\\/uploads\\\/2023\\\/10\\\/Complex-oficines-22@-11.jpg&quot;},{&quot;src&quot;:&quot;https:\\\/\\\/www.garciafaura.com\\\/wp-content\\\/uploads\\\/2023\\\/10\\\/Complex-oficines-22@-10.jpg&quot;},{&quot;src&quot;:&quot;https:\\\/\\\/www.garciafaura.com\\\/wp-content\\\/uploads\\\/2023\\\/10\\\/Complex-oficines-22@-09.jpg&quot;},{&quot;src&quot;:&quot;https:\\\/\\\/www.garciafaura.com\\\/wp-content\\\/uploads\\\/2023\\\/10\\\/Complex-oficines-22@-08.jpg&quot;},{&quot;src&quot;:&quot;https:\\\/\\\/www.garciafaura.com\\\/wp-content\\\/uploads\\\/2023\\\/10\\\/Complex-oficines-22@-07.jpg&quot;},{&quot;src&quot;:&quot;https:\\\/\\\/www.garciafaura.com\\\/wp-content\\\/uploads\\\/2023\\\/10\\\/Complex-oficines-22@-06.jpg&quot;},{&quot;src&quot;:&quot;https:\\\/\\\/www.garciafaura.com\\\/wp-content\\\/uploads\\\/2023\\\/10\\\/Complex-oficines-22@-05.jpg&quot;},{&quot;src&quot;:&quot;https:\\\/\\\/www.garciafaura.com\\\/wp-content\\\/uploads\\\/2023\\\/10\\\/Complex-oficines-22@-04.jpg&quot;},{&quot;src&quot;:&quot;https:\\\/\\\/www.garciafaura.com\\\/wp-content\\\/uploads\\\/2023\\\/10\\\/Complex-oficines-22@-03.jpg&quot;},{&quot;src&quot;:&quot;https:\\\/\\\/www.garciafaura.com\\\/wp-content\\\/uploads\\\/2023\\\/10\\\/Complex-oficines-22@-02.jpg&quot;}]\"><img loading=\"lazy\" decoding=\"async\" data-no-lazy=\"1\" class=\"portfolio-entry-img skip-lazy\" src=\"https:\/\/www.garciafaura.com\/wp-content\/uploads\/2023\/10\/Complex-oficines-22@-01-600x314.jpg\" alt='' data-no-retina width=\"600\" height=\"314\" \/><\/a><\/div><div class=\"portfolio-entry-details entry-details wpex-clr\"><h2 class=\"portfolio-entry-title entry-title\"><a href=\"https:\/\/www.garciafaura.com\/fr\/portfolio-item\/complex-doficines-nubiola-22\/\" title=\"Complex bureaux Nubiola 22@\">Complex bureaux Nubiola 22@<\/a><\/h2><div class=\"portfolio-entry-categories entry-categories wpex-clr\"><a href=\"https:\/\/www.garciafaura.com\/fr\/portfolio-category\/batiments-corporatifs\/\" class=\"term-69\">B\u00e2timents Corporatifs<\/a><\/div><\/div><\/div><\/div><div class=\"portfolio-entry vcex-grid-item entry-has-details span_1_of_3 col col-2 vcex-isotope-entry vcex-no-margin-entry post-33295 entry type-portfolio has-media cat-69 translation_priority-5\"><div class=\"portfolio-entry-inner entry-inner wpex-clr\"><div class=\"portfolio-entry-media entry-media wpex-clr\"><a href=\"https:\/\/www.garciafaura.com\/wp-content\/uploads\/2023\/09\/Oficines-Llull-26.jpg\" title=\"Bureaux Llull 122\" class=\"portfolio-entry-media-link wpex-lightbox-gallery\" data-gallery=\"[{&quot;src&quot;:&quot;https:\\\/\\\/www.garciafaura.com\\\/wp-content\\\/uploads\\\/2023\\\/09\\\/Oficines-Llull-26.jpg&quot;},{&quot;src&quot;:&quot;https:\\\/\\\/www.garciafaura.com\\\/wp-content\\\/uploads\\\/2023\\\/09\\\/Oficines-Llull-01.jpg&quot;},{&quot;src&quot;:&quot;https:\\\/\\\/www.garciafaura.com\\\/wp-content\\\/uploads\\\/2023\\\/09\\\/Oficines-Llull-25.jpg&quot;},{&quot;src&quot;:&quot;https:\\\/\\\/www.garciafaura.com\\\/wp-content\\\/uploads\\\/2023\\\/09\\\/Oficines-Llull-24.jpg&quot;},{&quot;src&quot;:&quot;https:\\\/\\\/www.garciafaura.com\\\/wp-content\\\/uploads\\\/2023\\\/09\\\/Oficines-Llull-23.jpg&quot;},{&quot;src&quot;:&quot;https:\\\/\\\/www.garciafaura.com\\\/wp-content\\\/uploads\\\/2023\\\/09\\\/Oficines-Llull-22.jpg&quot;},{&quot;src&quot;:&quot;https:\\\/\\\/www.garciafaura.com\\\/wp-content\\\/uploads\\\/2023\\\/09\\\/Oficines-Llull-21.jpg&quot;},{&quot;src&quot;:&quot;https:\\\/\\\/www.garciafaura.com\\\/wp-content\\\/uploads\\\/2023\\\/09\\\/Oficines-Llull-20.jpg&quot;},{&quot;src&quot;:&quot;https:\\\/\\\/www.garciafaura.com\\\/wp-content\\\/uploads\\\/2023\\\/09\\\/Oficines-Llull-19.jpg&quot;},{&quot;src&quot;:&quot;https:\\\/\\\/www.garciafaura.com\\\/wp-content\\\/uploads\\\/2023\\\/09\\\/Oficines-Llull-18.jpg&quot;},{&quot;src&quot;:&quot;https:\\\/\\\/www.garciafaura.com\\\/wp-content\\\/uploads\\\/2023\\\/09\\\/Oficines-Llull-17.jpg&quot;},{&quot;src&quot;:&quot;https:\\\/\\\/www.garciafaura.com\\\/wp-content\\\/uploads\\\/2023\\\/09\\\/Oficines-Llull-16.jpg&quot;},{&quot;src&quot;:&quot;https:\\\/\\\/www.garciafaura.com\\\/wp-content\\\/uploads\\\/2023\\\/09\\\/Oficines-Llull-15.jpg&quot;},{&quot;src&quot;:&quot;https:\\\/\\\/www.garciafaura.com\\\/wp-content\\\/uploads\\\/2023\\\/09\\\/Oficines-Llull-14.jpg&quot;},{&quot;src&quot;:&quot;https:\\\/\\\/www.garciafaura.com\\\/wp-content\\\/uploads\\\/2023\\\/09\\\/Oficines-Llull-13.jpg&quot;},{&quot;src&quot;:&quot;https:\\\/\\\/www.garciafaura.com\\\/wp-content\\\/uploads\\\/2023\\\/09\\\/Oficines-Llull-12.jpg&quot;},{&quot;src&quot;:&quot;https:\\\/\\\/www.garciafaura.com\\\/wp-content\\\/uploads\\\/2023\\\/09\\\/Oficines-Llull-11.jpg&quot;},{&quot;src&quot;:&quot;https:\\\/\\\/www.garciafaura.com\\\/wp-content\\\/uploads\\\/2023\\\/09\\\/Oficines-Llull-10.jpg&quot;},{&quot;src&quot;:&quot;https:\\\/\\\/www.garciafaura.com\\\/wp-content\\\/uploads\\\/2023\\\/09\\\/Oficines-Llull-09.jpg&quot;},{&quot;src&quot;:&quot;https:\\\/\\\/www.garciafaura.com\\\/wp-content\\\/uploads\\\/2023\\\/09\\\/Oficines-Llull-08.jpg&quot;},{&quot;src&quot;:&quot;https:\\\/\\\/www.garciafaura.com\\\/wp-content\\\/uploads\\\/2023\\\/09\\\/Oficines-Llull-07.jpg&quot;},{&quot;src&quot;:&quot;https:\\\/\\\/www.garciafaura.com\\\/wp-content\\\/uploads\\\/2023\\\/09\\\/Oficines-Llull-06.jpg&quot;},{&quot;src&quot;:&quot;https:\\\/\\\/www.garciafaura.com\\\/wp-content\\\/uploads\\\/2023\\\/09\\\/Oficines-Llull-05.jpg&quot;},{&quot;src&quot;:&quot;https:\\\/\\\/www.garciafaura.com\\\/wp-content\\\/uploads\\\/2023\\\/09\\\/Oficines-Llull-04.jpg&quot;},{&quot;src&quot;:&quot;https:\\\/\\\/www.garciafaura.com\\\/wp-content\\\/uploads\\\/2023\\\/09\\\/Oficines-Llull-03.jpg&quot;},{&quot;src&quot;:&quot;https:\\\/\\\/www.garciafaura.com\\\/wp-content\\\/uploads\\\/2023\\\/09\\\/Oficines-Llull-02.jpg&quot;}]\"><img loading=\"lazy\" decoding=\"async\" data-no-lazy=\"1\" class=\"portfolio-entry-img skip-lazy\" src=\"https:\/\/www.garciafaura.com\/wp-content\/uploads\/2023\/09\/Oficines-Llull-26-600x314.jpg\" alt='' data-no-retina width=\"600\" height=\"314\" \/><\/a><\/div><div class=\"portfolio-entry-details entry-details wpex-clr\"><h2 class=\"portfolio-entry-title entry-title\"><a href=\"https:\/\/www.garciafaura.com\/fr\/portfolio-item\/oficines-llull-122\/\" title=\"Bureaux Llull 122\">Bureaux Llull 122<\/a><\/h2><div class=\"portfolio-entry-categories entry-categories wpex-clr\"><a href=\"https:\/\/www.garciafaura.com\/fr\/portfolio-category\/batiments-corporatifs\/\" class=\"term-69\">B\u00e2timents Corporatifs<\/a><\/div><\/div><\/div><\/div><div class=\"portfolio-entry vcex-grid-item entry-has-details span_1_of_3 col col-3 vcex-isotope-entry vcex-no-margin-entry post-31963 entry type-portfolio has-media cat-69 cat-75 translation_priority-5\"><div class=\"portfolio-entry-inner entry-inner wpex-clr\"><div class=\"portfolio-entry-media entry-media wpex-clr\"><a href=\"https:\/\/www.garciafaura.com\/wp-content\/uploads\/2023\/04\/Oficines-i-Residencia-Llacuna-01.jpg\" title=\"Maison de retraite Llacuna 28\" class=\"portfolio-entry-media-link wpex-lightbox-gallery\" data-gallery=\"[{&quot;src&quot;:&quot;https:\\\/\\\/www.garciafaura.com\\\/wp-content\\\/uploads\\\/2023\\\/04\\\/Oficines-i-Residencia-Llacuna-01.jpg&quot;},{&quot;src&quot;:&quot;https:\\\/\\\/www.garciafaura.com\\\/wp-content\\\/uploads\\\/2023\\\/04\\\/Oficines-i-Residencia-Llacuna-27.jpg&quot;},{&quot;src&quot;:&quot;https:\\\/\\\/www.garciafaura.com\\\/wp-content\\\/uploads\\\/2023\\\/04\\\/Oficines-i-Residencia-Llacuna-26.jpg&quot;},{&quot;src&quot;:&quot;https:\\\/\\\/www.garciafaura.com\\\/wp-content\\\/uploads\\\/2023\\\/04\\\/Oficines-i-Residencia-Llacuna-25.jpg&quot;},{&quot;src&quot;:&quot;https:\\\/\\\/www.garciafaura.com\\\/wp-content\\\/uploads\\\/2023\\\/04\\\/Oficines-i-Residencia-Llacuna-24.jpg&quot;},{&quot;src&quot;:&quot;https:\\\/\\\/www.garciafaura.com\\\/wp-content\\\/uploads\\\/2023\\\/04\\\/Oficines-i-Residencia-Llacuna-23.jpg&quot;},{&quot;src&quot;:&quot;https:\\\/\\\/www.garciafaura.com\\\/wp-content\\\/uploads\\\/2023\\\/04\\\/Oficines-i-Residencia-Llacuna-22.jpg&quot;},{&quot;src&quot;:&quot;https:\\\/\\\/www.garciafaura.com\\\/wp-content\\\/uploads\\\/2023\\\/04\\\/Oficines-i-Residencia-Llacuna-21.jpg&quot;},{&quot;src&quot;:&quot;https:\\\/\\\/www.garciafaura.com\\\/wp-content\\\/uploads\\\/2023\\\/04\\\/Oficines-i-Residencia-Llacuna-20.jpg&quot;},{&quot;src&quot;:&quot;https:\\\/\\\/www.garciafaura.com\\\/wp-content\\\/uploads\\\/2023\\\/04\\\/Oficines-i-Residencia-Llacuna-19.jpg&quot;},{&quot;src&quot;:&quot;https:\\\/\\\/www.garciafaura.com\\\/wp-content\\\/uploads\\\/2023\\\/04\\\/Oficines-i-Residencia-Llacuna-18.jpg&quot;},{&quot;src&quot;:&quot;https:\\\/\\\/www.garciafaura.com\\\/wp-content\\\/uploads\\\/2023\\\/04\\\/Oficines-i-Residencia-Llacuna-17.jpg&quot;},{&quot;src&quot;:&quot;https:\\\/\\\/www.garciafaura.com\\\/wp-content\\\/uploads\\\/2023\\\/04\\\/Oficines-i-Residencia-Llacuna-16.jpg&quot;},{&quot;src&quot;:&quot;https:\\\/\\\/www.garciafaura.com\\\/wp-content\\\/uploads\\\/2023\\\/04\\\/Oficines-i-Residencia-Llacuna-15.jpg&quot;},{&quot;src&quot;:&quot;https:\\\/\\\/www.garciafaura.com\\\/wp-content\\\/uploads\\\/2023\\\/04\\\/Oficines-i-Residencia-Llacuna-14.jpg&quot;},{&quot;src&quot;:&quot;https:\\\/\\\/www.garciafaura.com\\\/wp-content\\\/uploads\\\/2023\\\/04\\\/Oficines-i-Residencia-Llacuna-13.jpg&quot;},{&quot;src&quot;:&quot;https:\\\/\\\/www.garciafaura.com\\\/wp-content\\\/uploads\\\/2023\\\/04\\\/Oficines-i-Residencia-Llacuna-12.jpg&quot;},{&quot;src&quot;:&quot;https:\\\/\\\/www.garciafaura.com\\\/wp-content\\\/uploads\\\/2023\\\/04\\\/Oficines-i-Residencia-Llacuna-11.jpg&quot;},{&quot;src&quot;:&quot;https:\\\/\\\/www.garciafaura.com\\\/wp-content\\\/uploads\\\/2023\\\/04\\\/Oficines-i-Residencia-Llacuna-10.jpg&quot;},{&quot;src&quot;:&quot;https:\\\/\\\/www.garciafaura.com\\\/wp-content\\\/uploads\\\/2023\\\/04\\\/Oficines-i-Residencia-Llacuna-09.jpg&quot;},{&quot;src&quot;:&quot;https:\\\/\\\/www.garciafaura.com\\\/wp-content\\\/uploads\\\/2023\\\/04\\\/Oficines-i-Residencia-Llacuna-08.jpg&quot;},{&quot;src&quot;:&quot;https:\\\/\\\/www.garciafaura.com\\\/wp-content\\\/uploads\\\/2023\\\/04\\\/Oficines-i-Residencia-Llacuna-07.jpg&quot;},{&quot;src&quot;:&quot;https:\\\/\\\/www.garciafaura.com\\\/wp-content\\\/uploads\\\/2023\\\/04\\\/Oficines-i-Residencia-Llacuna-06.jpg&quot;},{&quot;src&quot;:&quot;https:\\\/\\\/www.garciafaura.com\\\/wp-content\\\/uploads\\\/2023\\\/04\\\/Oficines-i-Residencia-Llacuna-05.jpg&quot;},{&quot;src&quot;:&quot;https:\\\/\\\/www.garciafaura.com\\\/wp-content\\\/uploads\\\/2023\\\/04\\\/Oficines-i-Residencia-Llacuna-04.jpg&quot;},{&quot;src&quot;:&quot;https:\\\/\\\/www.garciafaura.com\\\/wp-content\\\/uploads\\\/2023\\\/04\\\/Oficines-i-Residencia-Llacuna-03.jpg&quot;},{&quot;src&quot;:&quot;https:\\\/\\\/www.garciafaura.com\\\/wp-content\\\/uploads\\\/2023\\\/04\\\/Oficines-i-Residencia-Llacuna-02.jpg&quot;}]\"><img loading=\"lazy\" decoding=\"async\" data-no-lazy=\"1\" class=\"portfolio-entry-img skip-lazy\" src=\"https:\/\/www.garciafaura.com\/wp-content\/uploads\/2023\/04\/Oficines-i-Residencia-Llacuna-01-600x314.jpg\" alt='' data-no-retina width=\"600\" height=\"314\" \/><\/a><\/div><div class=\"portfolio-entry-details entry-details wpex-clr\"><h2 class=\"portfolio-entry-title entry-title\"><a href=\"https:\/\/www.garciafaura.com\/fr\/portfolio-item\/residencia-llacuna-28\/\" title=\"Maison de retraite Llacuna 28\">Maison de retraite Llacuna 28<\/a><\/h2><div class=\"portfolio-entry-categories entry-categories wpex-clr\"><a href=\"https:\/\/www.garciafaura.com\/fr\/portfolio-category\/batiments-corporatifs\/\" class=\"term-69\">B\u00e2timents Corporatifs<\/a><\/div><\/div><\/div><\/div><div class=\"portfolio-entry vcex-grid-item entry-has-details span_1_of_3 col col-1 vcex-isotope-entry vcex-no-margin-entry post-31408 entry type-portfolio has-media cat-69 translation_priority-5\"><div class=\"portfolio-entry-inner entry-inner wpex-clr\"><div class=\"portfolio-entry-media entry-media wpex-clr\"><a href=\"https:\/\/www.garciafaura.com\/wp-content\/uploads\/2023\/02\/Oficines-Marina-Building-25.jpg\" title=\"Bureaux 6\u00d3 Marina Building\" class=\"portfolio-entry-media-link wpex-lightbox-gallery\" data-gallery=\"[{&quot;src&quot;:&quot;https:\\\/\\\/www.garciafaura.com\\\/wp-content\\\/uploads\\\/2023\\\/02\\\/Oficines-Marina-Building-1.jpg&quot;},{&quot;src&quot;:&quot;https:\\\/\\\/www.garciafaura.com\\\/wp-content\\\/uploads\\\/2023\\\/02\\\/Oficines-Marina-Building-32.jpg&quot;},{&quot;src&quot;:&quot;https:\\\/\\\/www.garciafaura.com\\\/wp-content\\\/uploads\\\/2023\\\/02\\\/Oficines-Marina-Building-31.jpg&quot;},{&quot;src&quot;:&quot;https:\\\/\\\/www.garciafaura.com\\\/wp-content\\\/uploads\\\/2023\\\/02\\\/Oficines-Marina-Building-30.jpg&quot;},{&quot;src&quot;:&quot;https:\\\/\\\/www.garciafaura.com\\\/wp-content\\\/uploads\\\/2023\\\/02\\\/Oficines-Marina-Building-29.jpg&quot;},{&quot;src&quot;:&quot;https:\\\/\\\/www.garciafaura.com\\\/wp-content\\\/uploads\\\/2023\\\/02\\\/Oficines-Marina-Building-28.jpg&quot;},{&quot;src&quot;:&quot;https:\\\/\\\/www.garciafaura.com\\\/wp-content\\\/uploads\\\/2023\\\/02\\\/Oficines-Marina-Building-27.jpg&quot;},{&quot;src&quot;:&quot;https:\\\/\\\/www.garciafaura.com\\\/wp-content\\\/uploads\\\/2023\\\/02\\\/Oficines-Marina-Building-26.jpg&quot;},{&quot;src&quot;:&quot;https:\\\/\\\/www.garciafaura.com\\\/wp-content\\\/uploads\\\/2023\\\/02\\\/Oficines-Marina-Building-25.jpg&quot;},{&quot;src&quot;:&quot;https:\\\/\\\/www.garciafaura.com\\\/wp-content\\\/uploads\\\/2023\\\/02\\\/Oficines-Marina-Building-24.jpg&quot;},{&quot;src&quot;:&quot;https:\\\/\\\/www.garciafaura.com\\\/wp-content\\\/uploads\\\/2023\\\/02\\\/Oficines-Marina-Building-23.jpg&quot;},{&quot;src&quot;:&quot;https:\\\/\\\/www.garciafaura.com\\\/wp-content\\\/uploads\\\/2023\\\/02\\\/Oficines-Marina-Building-22.jpg&quot;},{&quot;src&quot;:&quot;https:\\\/\\\/www.garciafaura.com\\\/wp-content\\\/uploads\\\/2023\\\/02\\\/Oficines-Marina-Building-21.jpg&quot;},{&quot;src&quot;:&quot;https:\\\/\\\/www.garciafaura.com\\\/wp-content\\\/uploads\\\/2023\\\/02\\\/Oficines-Marina-Building-20.jpg&quot;},{&quot;src&quot;:&quot;https:\\\/\\\/www.garciafaura.com\\\/wp-content\\\/uploads\\\/2023\\\/02\\\/Oficines-Marina-Building-19.jpg&quot;},{&quot;src&quot;:&quot;https:\\\/\\\/www.garciafaura.com\\\/wp-content\\\/uploads\\\/2023\\\/02\\\/Oficines-Marina-Building-18.jpg&quot;},{&quot;src&quot;:&quot;https:\\\/\\\/www.garciafaura.com\\\/wp-content\\\/uploads\\\/2023\\\/02\\\/Oficines-Marina-Building-17.jpg&quot;},{&quot;src&quot;:&quot;https:\\\/\\\/www.garciafaura.com\\\/wp-content\\\/uploads\\\/2023\\\/02\\\/Oficines-Marina-Building-16.jpg&quot;},{&quot;src&quot;:&quot;https:\\\/\\\/www.garciafaura.com\\\/wp-content\\\/uploads\\\/2023\\\/02\\\/Oficines-Marina-Building-15.jpg&quot;},{&quot;src&quot;:&quot;https:\\\/\\\/www.garciafaura.com\\\/wp-content\\\/uploads\\\/2023\\\/02\\\/Oficines-Marina-Building-14.jpg&quot;},{&quot;src&quot;:&quot;https:\\\/\\\/www.garciafaura.com\\\/wp-content\\\/uploads\\\/2023\\\/02\\\/Oficines-Marina-Building-13.jpg&quot;},{&quot;src&quot;:&quot;https:\\\/\\\/www.garciafaura.com\\\/wp-content\\\/uploads\\\/2023\\\/02\\\/Oficines-Marina-Building-12.jpg&quot;},{&quot;src&quot;:&quot;https:\\\/\\\/www.garciafaura.com\\\/wp-content\\\/uploads\\\/2023\\\/02\\\/Oficines-Marina-Building-11.jpg&quot;},{&quot;src&quot;:&quot;https:\\\/\\\/www.garciafaura.com\\\/wp-content\\\/uploads\\\/2023\\\/02\\\/Oficines-Marina-Building-10.jpg&quot;},{&quot;src&quot;:&quot;https:\\\/\\\/www.garciafaura.com\\\/wp-content\\\/uploads\\\/2023\\\/02\\\/Oficines-Marina-Building-9.jpg&quot;},{&quot;src&quot;:&quot;https:\\\/\\\/www.garciafaura.com\\\/wp-content\\\/uploads\\\/2023\\\/02\\\/Oficines-Marina-Building-8.jpg&quot;},{&quot;src&quot;:&quot;https:\\\/\\\/www.garciafaura.com\\\/wp-content\\\/uploads\\\/2023\\\/02\\\/Oficines-Marina-Building-7.jpg&quot;},{&quot;src&quot;:&quot;https:\\\/\\\/www.garciafaura.com\\\/wp-content\\\/uploads\\\/2023\\\/02\\\/Oficines-Marina-Building-6.jpg&quot;},{&quot;src&quot;:&quot;https:\\\/\\\/www.garciafaura.com\\\/wp-content\\\/uploads\\\/2023\\\/02\\\/Oficines-Marina-Building-5.jpg&quot;},{&quot;src&quot;:&quot;https:\\\/\\\/www.garciafaura.com\\\/wp-content\\\/uploads\\\/2023\\\/02\\\/Oficines-Marina-Building-4.jpg&quot;},{&quot;src&quot;:&quot;https:\\\/\\\/www.garciafaura.com\\\/wp-content\\\/uploads\\\/2023\\\/02\\\/Oficines-Marina-Building-3.jpg&quot;},{&quot;src&quot;:&quot;https:\\\/\\\/www.garciafaura.com\\\/wp-content\\\/uploads\\\/2023\\\/02\\\/Oficines-Marina-Building-2.jpg&quot;}]\"><img loading=\"lazy\" decoding=\"async\" data-no-lazy=\"1\" class=\"portfolio-entry-img skip-lazy\" src=\"https:\/\/www.garciafaura.com\/wp-content\/uploads\/2023\/02\/Oficines-Marina-Building-25-600x314.jpg\" alt='' data-no-retina width=\"600\" height=\"314\" \/><\/a><\/div><div class=\"portfolio-entry-details entry-details wpex-clr\"><h2 class=\"portfolio-entry-title entry-title\"><a href=\"https:\/\/www.garciafaura.com\/fr\/portfolio-item\/oficines-6o-building\/\" title=\"Bureaux 6\u00d3 Marina Building\">Bureaux 6\u00d3 Marina Building<\/a><\/h2><div class=\"portfolio-entry-categories entry-categories wpex-clr\"><a href=\"https:\/\/www.garciafaura.com\/fr\/portfolio-category\/batiments-corporatifs\/\" class=\"term-69\">B\u00e2timents Corporatifs<\/a><\/div><\/div><\/div><\/div><div class=\"portfolio-entry vcex-grid-item entry-has-details span_1_of_3 col col-2 vcex-isotope-entry vcex-no-margin-entry post-31043 entry type-portfolio has-media cat-69 cat-90 translation_priority-5\"><div class=\"portfolio-entry-inner entry-inner wpex-clr\"><div class=\"portfolio-entry-media entry-media wpex-clr\"><a href=\"https:\/\/www.garciafaura.com\/wp-content\/uploads\/2022\/11\/Rehabilitacio-Diagonal-67-Barcelona-17.jpg\" title=\"R\u00e9habilitation bureaux Diagonal 67\" class=\"portfolio-entry-media-link wpex-lightbox-gallery\" data-gallery=\"[{&quot;src&quot;:&quot;https:\\\/\\\/www.garciafaura.com\\\/wp-content\\\/uploads\\\/2022\\\/11\\\/Rehabilitacio-Diagonal-67-Barcelona-30.jpg&quot;},{&quot;src&quot;:&quot;https:\\\/\\\/www.garciafaura.com\\\/wp-content\\\/uploads\\\/2022\\\/11\\\/Rehabilitacio-Diagonal-67-Barcelona-29.jpg&quot;},{&quot;src&quot;:&quot;https:\\\/\\\/www.garciafaura.com\\\/wp-content\\\/uploads\\\/2022\\\/11\\\/Rehabilitacio-Diagonal-67-Barcelona-28.jpg&quot;},{&quot;src&quot;:&quot;https:\\\/\\\/www.garciafaura.com\\\/wp-content\\\/uploads\\\/2022\\\/11\\\/Rehabilitacio-Diagonal-67-Barcelona-27.jpg&quot;},{&quot;src&quot;:&quot;https:\\\/\\\/www.garciafaura.com\\\/wp-content\\\/uploads\\\/2022\\\/11\\\/Rehabilitacio-Diagonal-67-Barcelona-26.jpg&quot;},{&quot;src&quot;:&quot;https:\\\/\\\/www.garciafaura.com\\\/wp-content\\\/uploads\\\/2022\\\/11\\\/Rehabilitacio-Diagonal-67-Barcelona-25.jpg&quot;},{&quot;src&quot;:&quot;https:\\\/\\\/www.garciafaura.com\\\/wp-content\\\/uploads\\\/2022\\\/11\\\/Rehabilitacio-Diagonal-67-Barcelona-24.jpg&quot;},{&quot;src&quot;:&quot;https:\\\/\\\/www.garciafaura.com\\\/wp-content\\\/uploads\\\/2022\\\/11\\\/Rehabilitacio-Diagonal-67-Barcelona-23.jpg&quot;},{&quot;src&quot;:&quot;https:\\\/\\\/www.garciafaura.com\\\/wp-content\\\/uploads\\\/2022\\\/11\\\/Rehabilitacio-Diagonal-67-Barcelona-22.jpg&quot;},{&quot;src&quot;:&quot;https:\\\/\\\/www.garciafaura.com\\\/wp-content\\\/uploads\\\/2022\\\/11\\\/Rehabilitacio-Diagonal-67-Barcelona-21.jpg&quot;},{&quot;src&quot;:&quot;https:\\\/\\\/www.garciafaura.com\\\/wp-content\\\/uploads\\\/2022\\\/11\\\/Rehabilitacio-Diagonal-67-Barcelona-20.jpg&quot;},{&quot;src&quot;:&quot;https:\\\/\\\/www.garciafaura.com\\\/wp-content\\\/uploads\\\/2022\\\/11\\\/Rehabilitacio-Diagonal-67-Barcelona-19.jpg&quot;},{&quot;src&quot;:&quot;https:\\\/\\\/www.garciafaura.com\\\/wp-content\\\/uploads\\\/2022\\\/11\\\/Rehabilitacio-Diagonal-67-Barcelona-18.jpg&quot;},{&quot;src&quot;:&quot;https:\\\/\\\/www.garciafaura.com\\\/wp-content\\\/uploads\\\/2022\\\/11\\\/Rehabilitacio-Diagonal-67-Barcelona-17.jpg&quot;},{&quot;src&quot;:&quot;https:\\\/\\\/www.garciafaura.com\\\/wp-content\\\/uploads\\\/2022\\\/11\\\/Rehabilitacio-Diagonal-67-Barcelona-16.jpg&quot;},{&quot;src&quot;:&quot;https:\\\/\\\/www.garciafaura.com\\\/wp-content\\\/uploads\\\/2022\\\/11\\\/Rehabilitacio-Diagonal-67-Barcelona-15.jpg&quot;},{&quot;src&quot;:&quot;https:\\\/\\\/www.garciafaura.com\\\/wp-content\\\/uploads\\\/2022\\\/11\\\/Rehabilitacio-Diagonal-67-Barcelona-14.jpg&quot;},{&quot;src&quot;:&quot;https:\\\/\\\/www.garciafaura.com\\\/wp-content\\\/uploads\\\/2022\\\/11\\\/Rehabilitacio-Diagonal-67-Barcelona-13.jpg&quot;},{&quot;src&quot;:&quot;https:\\\/\\\/www.garciafaura.com\\\/wp-content\\\/uploads\\\/2022\\\/11\\\/Rehabilitacio-Diagonal-67-Barcelona-12.jpg&quot;},{&quot;src&quot;:&quot;https:\\\/\\\/www.garciafaura.com\\\/wp-content\\\/uploads\\\/2022\\\/11\\\/Rehabilitacio-Diagonal-67-Barcelona-11.jpg&quot;},{&quot;src&quot;:&quot;https:\\\/\\\/www.garciafaura.com\\\/wp-content\\\/uploads\\\/2022\\\/11\\\/Rehabilitacio-Diagonal-67-Barcelona-10.jpg&quot;},{&quot;src&quot;:&quot;https:\\\/\\\/www.garciafaura.com\\\/wp-content\\\/uploads\\\/2022\\\/11\\\/Rehabilitacio-Diagonal-67-Barcelona-09.jpg&quot;},{&quot;src&quot;:&quot;https:\\\/\\\/www.garciafaura.com\\\/wp-content\\\/uploads\\\/2022\\\/11\\\/Rehabilitacio-Diagonal-67-Barcelona-08.jpg&quot;},{&quot;src&quot;:&quot;https:\\\/\\\/www.garciafaura.com\\\/wp-content\\\/uploads\\\/2022\\\/11\\\/Rehabilitacio-Diagonal-67-Barcelona-07.jpg&quot;},{&quot;src&quot;:&quot;https:\\\/\\\/www.garciafaura.com\\\/wp-content\\\/uploads\\\/2022\\\/11\\\/Rehabilitacio-Diagonal-67-Barcelona-06.jpg&quot;},{&quot;src&quot;:&quot;https:\\\/\\\/www.garciafaura.com\\\/wp-content\\\/uploads\\\/2022\\\/11\\\/Rehabilitacio-Diagonal-67-Barcelona-05.jpg&quot;},{&quot;src&quot;:&quot;https:\\\/\\\/www.garciafaura.com\\\/wp-content\\\/uploads\\\/2022\\\/11\\\/Rehabilitacio-Diagonal-67-Barcelona-04.jpg&quot;},{&quot;src&quot;:&quot;https:\\\/\\\/www.garciafaura.com\\\/wp-content\\\/uploads\\\/2022\\\/11\\\/Rehabilitacio-Diagonal-67-Barcelona-03.jpg&quot;},{&quot;src&quot;:&quot;https:\\\/\\\/www.garciafaura.com\\\/wp-content\\\/uploads\\\/2022\\\/11\\\/Rehabilitacio-Diagonal-67-Barcelona-02.jpg&quot;},{&quot;src&quot;:&quot;https:\\\/\\\/www.garciafaura.com\\\/wp-content\\\/uploads\\\/2022\\\/11\\\/Rehabilitacio-Diagonal-67-Barcelona-01.jpg&quot;}]\"><img loading=\"lazy\" decoding=\"async\" data-no-lazy=\"1\" class=\"portfolio-entry-img skip-lazy\" src=\"https:\/\/www.garciafaura.com\/wp-content\/uploads\/2022\/11\/Rehabilitacio-Diagonal-67-Barcelona-17-600x314.jpg\" alt='' data-no-retina width=\"600\" height=\"314\" \/><\/a><\/div><div class=\"portfolio-entry-details entry-details wpex-clr\"><h2 class=\"portfolio-entry-title entry-title\"><a href=\"https:\/\/www.garciafaura.com\/fr\/portfolio-item\/rehabilitacio-oficines-diagonal-67\/\" title=\"R\u00e9habilitation bureaux Diagonal 67\">R\u00e9habilitation bureaux Diagonal 67<\/a><\/h2><div class=\"portfolio-entry-categories entry-categories wpex-clr\"><a href=\"https:\/\/www.garciafaura.com\/fr\/portfolio-category\/batiments-corporatifs\/\" class=\"term-69\">B\u00e2timents Corporatifs<\/a><\/div><\/div><\/div><\/div><div class=\"portfolio-entry vcex-grid-item entry-has-details span_1_of_3 col col-3 vcex-isotope-entry vcex-no-margin-entry post-31017 entry type-portfolio has-media cat-69 translation_priority-5\"><div class=\"portfolio-entry-inner entry-inner wpex-clr\"><div class=\"portfolio-entry-media entry-media wpex-clr\"><a href=\"https:\/\/www.garciafaura.com\/wp-content\/uploads\/2022\/11\/Oficines-Pere-IV-27.jpg\" title=\"Bureaux Pere IV\" class=\"portfolio-entry-media-link wpex-lightbox-gallery\" data-gallery=\"[{&quot;src&quot;:&quot;https:\\\/\\\/www.garciafaura.com\\\/wp-content\\\/uploads\\\/2022\\\/11\\\/Oficines-Pere-IV-27.jpg&quot;},{&quot;src&quot;:&quot;https:\\\/\\\/www.garciafaura.com\\\/wp-content\\\/uploads\\\/2022\\\/11\\\/Oficines-Pere-IV-30.jpg&quot;},{&quot;src&quot;:&quot;https:\\\/\\\/www.garciafaura.com\\\/wp-content\\\/uploads\\\/2022\\\/11\\\/Oficines-Pere-IV-29.jpg&quot;},{&quot;src&quot;:&quot;https:\\\/\\\/www.garciafaura.com\\\/wp-content\\\/uploads\\\/2022\\\/11\\\/Oficines-Pere-IV-28.jpg&quot;},{&quot;src&quot;:&quot;https:\\\/\\\/www.garciafaura.com\\\/wp-content\\\/uploads\\\/2022\\\/11\\\/Oficines-Pere-IV-26.jpg&quot;},{&quot;src&quot;:&quot;https:\\\/\\\/www.garciafaura.com\\\/wp-content\\\/uploads\\\/2022\\\/11\\\/Oficines-Pere-IV-25.jpg&quot;},{&quot;src&quot;:&quot;https:\\\/\\\/www.garciafaura.com\\\/wp-content\\\/uploads\\\/2022\\\/11\\\/Oficines-Pere-IV-24.jpg&quot;},{&quot;src&quot;:&quot;https:\\\/\\\/www.garciafaura.com\\\/wp-content\\\/uploads\\\/2022\\\/11\\\/Oficines-Pere-IV-23.jpg&quot;},{&quot;src&quot;:&quot;https:\\\/\\\/www.garciafaura.com\\\/wp-content\\\/uploads\\\/2022\\\/11\\\/Oficines-Pere-IV-22.jpg&quot;},{&quot;src&quot;:&quot;https:\\\/\\\/www.garciafaura.com\\\/wp-content\\\/uploads\\\/2022\\\/11\\\/Oficines-Pere-IV-21.jpg&quot;},{&quot;src&quot;:&quot;https:\\\/\\\/www.garciafaura.com\\\/wp-content\\\/uploads\\\/2022\\\/11\\\/Oficines-Pere-IV-20.jpg&quot;},{&quot;src&quot;:&quot;https:\\\/\\\/www.garciafaura.com\\\/wp-content\\\/uploads\\\/2022\\\/11\\\/Oficines-Pere-IV-19.jpg&quot;},{&quot;src&quot;:&quot;https:\\\/\\\/www.garciafaura.com\\\/wp-content\\\/uploads\\\/2022\\\/11\\\/Oficines-Pere-IV-18.jpg&quot;},{&quot;src&quot;:&quot;https:\\\/\\\/www.garciafaura.com\\\/wp-content\\\/uploads\\\/2022\\\/11\\\/Oficines-Pere-IV-17.jpg&quot;},{&quot;src&quot;:&quot;https:\\\/\\\/www.garciafaura.com\\\/wp-content\\\/uploads\\\/2022\\\/11\\\/Oficines-Pere-IV-16.jpg&quot;},{&quot;src&quot;:&quot;https:\\\/\\\/www.garciafaura.com\\\/wp-content\\\/uploads\\\/2022\\\/11\\\/Oficines-Pere-IV-15.jpg&quot;},{&quot;src&quot;:&quot;https:\\\/\\\/www.garciafaura.com\\\/wp-content\\\/uploads\\\/2022\\\/11\\\/Oficines-Pere-IV-14.jpg&quot;},{&quot;src&quot;:&quot;https:\\\/\\\/www.garciafaura.com\\\/wp-content\\\/uploads\\\/2022\\\/11\\\/Oficines-Pere-IV-13.jpg&quot;},{&quot;src&quot;:&quot;https:\\\/\\\/www.garciafaura.com\\\/wp-content\\\/uploads\\\/2022\\\/11\\\/Oficines-Pere-IV-12.jpg&quot;},{&quot;src&quot;:&quot;https:\\\/\\\/www.garciafaura.com\\\/wp-content\\\/uploads\\\/2022\\\/11\\\/Oficines-Pere-IV-11.jpg&quot;},{&quot;src&quot;:&quot;https:\\\/\\\/www.garciafaura.com\\\/wp-content\\\/uploads\\\/2022\\\/11\\\/Oficines-Pere-IV-10.jpg&quot;},{&quot;src&quot;:&quot;https:\\\/\\\/www.garciafaura.com\\\/wp-content\\\/uploads\\\/2022\\\/11\\\/Oficines-Pere-IV-09.jpg&quot;},{&quot;src&quot;:&quot;https:\\\/\\\/www.garciafaura.com\\\/wp-content\\\/uploads\\\/2022\\\/11\\\/Oficines-Pere-IV-08.jpg&quot;},{&quot;src&quot;:&quot;https:\\\/\\\/www.garciafaura.com\\\/wp-content\\\/uploads\\\/2022\\\/11\\\/Oficines-Pere-IV-07.jpg&quot;},{&quot;src&quot;:&quot;https:\\\/\\\/www.garciafaura.com\\\/wp-content\\\/uploads\\\/2022\\\/11\\\/Oficines-Pere-IV-06.jpg&quot;},{&quot;src&quot;:&quot;https:\\\/\\\/www.garciafaura.com\\\/wp-content\\\/uploads\\\/2022\\\/11\\\/Oficines-Pere-IV-05.jpg&quot;},{&quot;src&quot;:&quot;https:\\\/\\\/www.garciafaura.com\\\/wp-content\\\/uploads\\\/2022\\\/11\\\/Oficines-Pere-IV-04.jpg&quot;},{&quot;src&quot;:&quot;https:\\\/\\\/www.garciafaura.com\\\/wp-content\\\/uploads\\\/2022\\\/11\\\/Oficines-Pere-IV-03.jpg&quot;},{&quot;src&quot;:&quot;https:\\\/\\\/www.garciafaura.com\\\/wp-content\\\/uploads\\\/2022\\\/11\\\/Oficines-Pere-IV-02.jpg&quot;},{&quot;src&quot;:&quot;https:\\\/\\\/www.garciafaura.com\\\/wp-content\\\/uploads\\\/2022\\\/11\\\/Oficines-Pere-IV-01.jpg&quot;}]\"><img loading=\"lazy\" decoding=\"async\" data-no-lazy=\"1\" class=\"portfolio-entry-img skip-lazy\" src=\"https:\/\/www.garciafaura.com\/wp-content\/uploads\/2022\/11\/Oficines-Pere-IV-27-600x314.jpg\" alt='' data-no-retina width=\"600\" height=\"314\" \/><\/a><\/div><div class=\"portfolio-entry-details entry-details wpex-clr\"><h2 class=\"portfolio-entry-title entry-title\"><a href=\"https:\/\/www.garciafaura.com\/fr\/portfolio-item\/pere-iv-offices\/\" title=\"Bureaux Pere IV\">Bureaux Pere IV<\/a><\/h2><div class=\"portfolio-entry-categories entry-categories wpex-clr\"><a href=\"https:\/\/www.garciafaura.com\/fr\/portfolio-category\/batiments-corporatifs\/\" class=\"term-69\">B\u00e2timents Corporatifs<\/a><\/div><\/div><\/div><\/div><div class=\"portfolio-entry vcex-grid-item entry-has-details span_1_of_3 col col-1 vcex-isotope-entry vcex-no-margin-entry post-29627 entry type-portfolio has-media cat-69 cat-102 cat-93 cat-95 cat-90 cat-101 translation_priority-5\"><div class=\"portfolio-entry-inner entry-inner wpex-clr\"><div class=\"portfolio-entry-media entry-media wpex-clr\"><a href=\"https:\/\/www.garciafaura.com\/wp-content\/uploads\/2022\/06\/Oficines-Balmes-89-05.jpg\" title=\"R\u00e9novation bureaux rue Balmes\" class=\"portfolio-entry-media-link wpex-lightbox-gallery\" data-gallery=\"[{&quot;src&quot;:&quot;https:\\\/\\\/www.garciafaura.com\\\/wp-content\\\/uploads\\\/2022\\\/06\\\/Oficines-Balmes-89-06.jpg&quot;},{&quot;src&quot;:&quot;https:\\\/\\\/www.garciafaura.com\\\/wp-content\\\/uploads\\\/2022\\\/06\\\/Oficines-Balmes-89-01.jpg&quot;},{&quot;src&quot;:&quot;https:\\\/\\\/www.garciafaura.com\\\/wp-content\\\/uploads\\\/2022\\\/06\\\/Oficines-Balmes-89-31.jpg&quot;},{&quot;src&quot;:&quot;https:\\\/\\\/www.garciafaura.com\\\/wp-content\\\/uploads\\\/2022\\\/06\\\/Oficines-Balmes-89-30.jpg&quot;},{&quot;src&quot;:&quot;https:\\\/\\\/www.garciafaura.com\\\/wp-content\\\/uploads\\\/2022\\\/06\\\/Oficines-Balmes-89-29.jpg&quot;},{&quot;src&quot;:&quot;https:\\\/\\\/www.garciafaura.com\\\/wp-content\\\/uploads\\\/2022\\\/06\\\/Oficines-Balmes-89-28.jpg&quot;},{&quot;src&quot;:&quot;https:\\\/\\\/www.garciafaura.com\\\/wp-content\\\/uploads\\\/2022\\\/06\\\/Oficines-Balmes-89-27.jpg&quot;},{&quot;src&quot;:&quot;https:\\\/\\\/www.garciafaura.com\\\/wp-content\\\/uploads\\\/2022\\\/06\\\/Oficines-Balmes-89-26.jpg&quot;},{&quot;src&quot;:&quot;https:\\\/\\\/www.garciafaura.com\\\/wp-content\\\/uploads\\\/2022\\\/06\\\/Oficines-Balmes-89-25.jpg&quot;},{&quot;src&quot;:&quot;https:\\\/\\\/www.garciafaura.com\\\/wp-content\\\/uploads\\\/2022\\\/06\\\/Oficines-Balmes-89-24.jpg&quot;},{&quot;src&quot;:&quot;https:\\\/\\\/www.garciafaura.com\\\/wp-content\\\/uploads\\\/2022\\\/06\\\/Oficines-Balmes-89-23.jpg&quot;},{&quot;src&quot;:&quot;https:\\\/\\\/www.garciafaura.com\\\/wp-content\\\/uploads\\\/2022\\\/06\\\/Oficines-Balmes-89-22.jpg&quot;},{&quot;src&quot;:&quot;https:\\\/\\\/www.garciafaura.com\\\/wp-content\\\/uploads\\\/2022\\\/06\\\/Oficines-Balmes-89-21.jpg&quot;},{&quot;src&quot;:&quot;https:\\\/\\\/www.garciafaura.com\\\/wp-content\\\/uploads\\\/2022\\\/06\\\/Oficines-Balmes-89-20.jpg&quot;},{&quot;src&quot;:&quot;https:\\\/\\\/www.garciafaura.com\\\/wp-content\\\/uploads\\\/2022\\\/06\\\/Oficines-Balmes-89-19.jpg&quot;},{&quot;src&quot;:&quot;https:\\\/\\\/www.garciafaura.com\\\/wp-content\\\/uploads\\\/2022\\\/06\\\/Oficines-Balmes-89-18.jpg&quot;},{&quot;src&quot;:&quot;https:\\\/\\\/www.garciafaura.com\\\/wp-content\\\/uploads\\\/2022\\\/06\\\/Oficines-Balmes-89-17.jpg&quot;},{&quot;src&quot;:&quot;https:\\\/\\\/www.garciafaura.com\\\/wp-content\\\/uploads\\\/2022\\\/06\\\/Oficines-Balmes-89-16.jpg&quot;},{&quot;src&quot;:&quot;https:\\\/\\\/www.garciafaura.com\\\/wp-content\\\/uploads\\\/2022\\\/06\\\/Oficines-Balmes-89-15.jpg&quot;},{&quot;src&quot;:&quot;https:\\\/\\\/www.garciafaura.com\\\/wp-content\\\/uploads\\\/2022\\\/06\\\/Oficines-Balmes-89-14.jpg&quot;},{&quot;src&quot;:&quot;https:\\\/\\\/www.garciafaura.com\\\/wp-content\\\/uploads\\\/2022\\\/06\\\/Oficines-Balmes-89-13.jpg&quot;},{&quot;src&quot;:&quot;https:\\\/\\\/www.garciafaura.com\\\/wp-content\\\/uploads\\\/2022\\\/06\\\/Oficines-Balmes-89-12.jpg&quot;},{&quot;src&quot;:&quot;https:\\\/\\\/www.garciafaura.com\\\/wp-content\\\/uploads\\\/2022\\\/06\\\/Oficines-Balmes-89-11.jpg&quot;},{&quot;src&quot;:&quot;https:\\\/\\\/www.garciafaura.com\\\/wp-content\\\/uploads\\\/2022\\\/06\\\/Oficines-Balmes-89-10.jpg&quot;},{&quot;src&quot;:&quot;https:\\\/\\\/www.garciafaura.com\\\/wp-content\\\/uploads\\\/2022\\\/06\\\/Oficines-Balmes-89-09.jpg&quot;},{&quot;src&quot;:&quot;https:\\\/\\\/www.garciafaura.com\\\/wp-content\\\/uploads\\\/2022\\\/06\\\/Oficines-Balmes-89-08.jpg&quot;},{&quot;src&quot;:&quot;https:\\\/\\\/www.garciafaura.com\\\/wp-content\\\/uploads\\\/2022\\\/06\\\/Oficines-Balmes-89-07.jpg&quot;},{&quot;src&quot;:&quot;https:\\\/\\\/www.garciafaura.com\\\/wp-content\\\/uploads\\\/2022\\\/06\\\/Oficines-Balmes-89-05.jpg&quot;},{&quot;src&quot;:&quot;https:\\\/\\\/www.garciafaura.com\\\/wp-content\\\/uploads\\\/2022\\\/06\\\/Oficines-Balmes-89-04.jpg&quot;},{&quot;src&quot;:&quot;https:\\\/\\\/www.garciafaura.com\\\/wp-content\\\/uploads\\\/2022\\\/06\\\/Oficines-Balmes-89-03.jpg&quot;},{&quot;src&quot;:&quot;https:\\\/\\\/www.garciafaura.com\\\/wp-content\\\/uploads\\\/2022\\\/06\\\/Oficines-Balmes-89-02.jpg&quot;}]\"><img loading=\"lazy\" decoding=\"async\" data-no-lazy=\"1\" class=\"portfolio-entry-img skip-lazy\" src=\"https:\/\/www.garciafaura.com\/wp-content\/uploads\/2022\/06\/Oficines-Balmes-89-05-600x314.jpg\" alt='' data-no-retina width=\"600\" height=\"314\" \/><\/a><\/div><div class=\"portfolio-entry-details entry-details wpex-clr\"><h2 class=\"portfolio-entry-title entry-title\"><a href=\"https:\/\/www.garciafaura.com\/fr\/portfolio-item\/rehabilitacio-oficines-balmes\/\" title=\"R\u00e9novation bureaux rue Balmes\">R\u00e9novation bureaux rue Balmes<\/a><\/h2><div class=\"portfolio-entry-categories entry-categories wpex-clr\"><a href=\"https:\/\/www.garciafaura.com\/fr\/portfolio-category\/facades-remarquables\/\" class=\"term-95\">Fa\u00e7ades Remarquables<\/a><\/div><\/div><\/div><\/div><div class=\"portfolio-entry vcex-grid-item entry-has-details span_1_of_3 col col-2 vcex-isotope-entry vcex-no-margin-entry post-29364 entry type-portfolio has-media cat-69 cat-93 cat-90 cat-101 translation_priority-5\"><div class=\"portfolio-entry-inner entry-inner wpex-clr\"><div class=\"portfolio-entry-media entry-media wpex-clr\"><a href=\"https:\/\/www.garciafaura.com\/wp-content\/uploads\/2022\/05\/CerroGamos-03a.jpg\" title=\"R\u00e9habilitation Cerro de los Gamos\" class=\"portfolio-entry-media-link wpex-lightbox-gallery\" data-gallery=\"[{&quot;src&quot;:&quot;https:\\\/\\\/www.garciafaura.com\\\/wp-content\\\/uploads\\\/2022\\\/05\\\/CerroGamos-03a.jpg&quot;},{&quot;src&quot;:&quot;https:\\\/\\\/www.garciafaura.com\\\/wp-content\\\/uploads\\\/2022\\\/05\\\/CerroGamos-02a.jpg&quot;},{&quot;src&quot;:&quot;https:\\\/\\\/www.garciafaura.com\\\/wp-content\\\/uploads\\\/2022\\\/05\\\/CerroGamos-01a.jpg&quot;}]\"><img loading=\"lazy\" decoding=\"async\" data-no-lazy=\"1\" class=\"portfolio-entry-img skip-lazy\" src=\"https:\/\/www.garciafaura.com\/wp-content\/uploads\/2022\/05\/CerroGamos-03a-600x314.jpg\" alt='' data-no-retina width=\"600\" height=\"314\" \/><\/a><\/div><div class=\"portfolio-entry-details entry-details wpex-clr\"><h2 class=\"portfolio-entry-title entry-title\"><a href=\"https:\/\/www.garciafaura.com\/fr\/portfolio-item\/rehabilitacion-cerro-de-los-gamos\/\" title=\"R\u00e9habilitation Cerro de los Gamos\">R\u00e9habilitation Cerro de los Gamos<\/a><\/h2><div class=\"portfolio-entry-categories entry-categories wpex-clr\"><a href=\"https:\/\/www.garciafaura.com\/fr\/portfolio-category\/reamenagement\/\" class=\"term-90\">R\u00e9am\u00e9nagement<\/a><\/div><\/div><\/div><\/div><div class=\"portfolio-entry vcex-grid-item entry-has-details span_1_of_3 col col-3 vcex-isotope-entry vcex-no-margin-entry post-29023 entry type-portfolio has-media cat-69 cat-90 translation_priority-5\"><div class=\"portfolio-entry-inner entry-inner wpex-clr\"><div class=\"portfolio-entry-media entry-media wpex-clr\"><a href=\"https:\/\/www.garciafaura.com\/wp-content\/uploads\/2022\/02\/Oficines-Midtown-BCN-7.jpg\" title=\"R\u00e9habilitation Meridiana 38\" class=\"portfolio-entry-media-link wpex-lightbox-gallery\" data-gallery=\"[{&quot;src&quot;:&quot;https:\\\/\\\/www.garciafaura.com\\\/wp-content\\\/uploads\\\/2022\\\/02\\\/Oficines-Midtown-BCN-7.jpg&quot;},{&quot;src&quot;:&quot;https:\\\/\\\/www.garciafaura.com\\\/wp-content\\\/uploads\\\/2022\\\/02\\\/Oficines-Midtown-BCN-1.jpg&quot;},{&quot;src&quot;:&quot;https:\\\/\\\/www.garciafaura.com\\\/wp-content\\\/uploads\\\/2022\\\/02\\\/Oficines-Midtown-BCN-19.jpg&quot;},{&quot;src&quot;:&quot;https:\\\/\\\/www.garciafaura.com\\\/wp-content\\\/uploads\\\/2022\\\/02\\\/Oficines-Midtown-BCN-18.jpg&quot;},{&quot;src&quot;:&quot;https:\\\/\\\/www.garciafaura.com\\\/wp-content\\\/uploads\\\/2022\\\/02\\\/Oficines-Midtown-BCN-17.jpg&quot;},{&quot;src&quot;:&quot;https:\\\/\\\/www.garciafaura.com\\\/wp-content\\\/uploads\\\/2022\\\/02\\\/Oficines-Midtown-BCN-16.jpg&quot;},{&quot;src&quot;:&quot;https:\\\/\\\/www.garciafaura.com\\\/wp-content\\\/uploads\\\/2022\\\/02\\\/Oficines-Midtown-BCN-15.jpg&quot;},{&quot;src&quot;:&quot;https:\\\/\\\/www.garciafaura.com\\\/wp-content\\\/uploads\\\/2022\\\/02\\\/Oficines-Midtown-BCN-14.jpg&quot;},{&quot;src&quot;:&quot;https:\\\/\\\/www.garciafaura.com\\\/wp-content\\\/uploads\\\/2022\\\/02\\\/Oficines-Midtown-BCN-13.jpg&quot;},{&quot;src&quot;:&quot;https:\\\/\\\/www.garciafaura.com\\\/wp-content\\\/uploads\\\/2022\\\/02\\\/Oficines-Midtown-BCN-12.jpg&quot;},{&quot;src&quot;:&quot;https:\\\/\\\/www.garciafaura.com\\\/wp-content\\\/uploads\\\/2022\\\/02\\\/Oficines-Midtown-BCN-11.jpg&quot;},{&quot;src&quot;:&quot;https:\\\/\\\/www.garciafaura.com\\\/wp-content\\\/uploads\\\/2022\\\/02\\\/Oficines-Midtown-BCN-10.jpg&quot;},{&quot;src&quot;:&quot;https:\\\/\\\/www.garciafaura.com\\\/wp-content\\\/uploads\\\/2022\\\/02\\\/Oficines-Midtown-BCN-9.jpg&quot;},{&quot;src&quot;:&quot;https:\\\/\\\/www.garciafaura.com\\\/wp-content\\\/uploads\\\/2022\\\/02\\\/Oficines-Midtown-BCN-8.jpg&quot;},{&quot;src&quot;:&quot;https:\\\/\\\/www.garciafaura.com\\\/wp-content\\\/uploads\\\/2022\\\/02\\\/Oficines-Midtown-BCN-6.jpg&quot;},{&quot;src&quot;:&quot;https:\\\/\\\/www.garciafaura.com\\\/wp-content\\\/uploads\\\/2022\\\/02\\\/Oficines-Midtown-BCN-5.jpg&quot;},{&quot;src&quot;:&quot;https:\\\/\\\/www.garciafaura.com\\\/wp-content\\\/uploads\\\/2022\\\/02\\\/Oficines-Midtown-BCN-4.jpg&quot;},{&quot;src&quot;:&quot;https:\\\/\\\/www.garciafaura.com\\\/wp-content\\\/uploads\\\/2022\\\/02\\\/Oficines-Midtown-BCN-3.jpg&quot;},{&quot;src&quot;:&quot;https:\\\/\\\/www.garciafaura.com\\\/wp-content\\\/uploads\\\/2022\\\/02\\\/Oficines-Midtown-BCN-2.jpg&quot;},{&quot;src&quot;:&quot;https:\\\/\\\/www.garciafaura.com\\\/wp-content\\\/uploads\\\/2022\\\/02\\\/Oficines-Midtown-BCN-1-1.jpg&quot;}]\"><img loading=\"lazy\" decoding=\"async\" data-no-lazy=\"1\" class=\"portfolio-entry-img skip-lazy\" src=\"https:\/\/www.garciafaura.com\/wp-content\/uploads\/2022\/02\/Oficines-Midtown-BCN-7-600x314.jpg\" alt='' data-no-retina width=\"600\" height=\"314\" \/><\/a><\/div><div class=\"portfolio-entry-details entry-details wpex-clr\"><h2 class=\"portfolio-entry-title entry-title\"><a href=\"https:\/\/www.garciafaura.com\/fr\/portfolio-item\/rehabilitacio-meridiana-38\/\" title=\"R\u00e9habilitation Meridiana 38\">R\u00e9habilitation Meridiana 38<\/a><\/h2><div class=\"portfolio-entry-categories entry-categories wpex-clr\"><a href=\"https:\/\/www.garciafaura.com\/fr\/portfolio-category\/batiments-corporatifs\/\" class=\"term-69\">B\u00e2timents Corporatifs<\/a><\/div><\/div><\/div><\/div><div class=\"portfolio-entry vcex-grid-item entry-has-details span_1_of_3 col col-1 vcex-isotope-entry vcex-no-margin-entry post-28588 entry type-portfolio has-media cat-69 translation_priority-5\"><div class=\"portfolio-entry-inner entry-inner wpex-clr\"><div class=\"portfolio-entry-media entry-media wpex-clr\"><a href=\"https:\/\/www.garciafaura.com\/wp-content\/uploads\/2021\/10\/Amazon-Figueres-Garcia-Faura-01.jpg\" title=\"Entrep\u00f4t logistique Amazon Empord\u00e0\" class=\"portfolio-entry-media-link wpex-lightbox-gallery\" data-gallery=\"[{&quot;src&quot;:&quot;https:\\\/\\\/www.garciafaura.com\\\/wp-content\\\/uploads\\\/2021\\\/10\\\/Amazon-Figueres-Garcia-Faura-01.jpg&quot;},{&quot;src&quot;:&quot;https:\\\/\\\/www.garciafaura.com\\\/wp-content\\\/uploads\\\/2021\\\/10\\\/Amazon-Figueres-Garcia-Faura-05.jpg&quot;},{&quot;src&quot;:&quot;https:\\\/\\\/www.garciafaura.com\\\/wp-content\\\/uploads\\\/2021\\\/10\\\/Amazon-Figueres-Garcia-Faura-04.jpg&quot;},{&quot;src&quot;:&quot;https:\\\/\\\/www.garciafaura.com\\\/wp-content\\\/uploads\\\/2021\\\/10\\\/Amazon-Figueres-Garcia-Faura-03.jpg&quot;},{&quot;src&quot;:&quot;https:\\\/\\\/www.garciafaura.com\\\/wp-content\\\/uploads\\\/2021\\\/10\\\/Amazon-Figueres-Garcia-Faura-02.jpg&quot;}]\"><img loading=\"lazy\" decoding=\"async\" data-no-lazy=\"1\" class=\"portfolio-entry-img skip-lazy\" src=\"https:\/\/www.garciafaura.com\/wp-content\/uploads\/2021\/10\/Amazon-Figueres-Garcia-Faura-01-600x314.jpg\" alt='' data-no-retina width=\"600\" height=\"314\" \/><\/a><\/div><div class=\"portfolio-entry-details entry-details wpex-clr\"><h2 class=\"portfolio-entry-title entry-title\"><a href=\"https:\/\/www.garciafaura.com\/fr\/portfolio-item\/magatzem-logistic-amazon-emporda\/\" title=\"Entrep\u00f4t logistique Amazon Empord\u00e0\">Entrep\u00f4t logistique Amazon Empord\u00e0<\/a><\/h2><div class=\"portfolio-entry-categories entry-categories wpex-clr\"><a href=\"https:\/\/www.garciafaura.com\/fr\/portfolio-category\/batiments-corporatifs\/\" class=\"term-69\">B\u00e2timents Corporatifs<\/a><\/div><\/div><\/div><\/div><div class=\"portfolio-entry vcex-grid-item entry-has-details span_1_of_3 col col-2 vcex-isotope-entry vcex-no-margin-entry post-28573 entry type-portfolio has-media cat-69 cat-102 cat-93 cat-95 translation_priority-5\"><div class=\"portfolio-entry-inner entry-inner wpex-clr\"><div class=\"portfolio-entry-media entry-media wpex-clr\"><a href=\"https:\/\/www.garciafaura.com\/wp-content\/uploads\/2021\/10\/Oficines-Lidl-Montcada-02.jpg\" title=\"Agrandissement des bureaux de Lidl\" class=\"portfolio-entry-media-link wpex-lightbox-gallery\" data-gallery=\"[{&quot;src&quot;:&quot;https:\\\/\\\/www.garciafaura.com\\\/wp-content\\\/uploads\\\/2021\\\/10\\\/Oficines-Lidl-Montcada-29.jpg&quot;},{&quot;src&quot;:&quot;https:\\\/\\\/www.garciafaura.com\\\/wp-content\\\/uploads\\\/2021\\\/10\\\/Oficines-Lidl-Montcada-28.jpg&quot;},{&quot;src&quot;:&quot;https:\\\/\\\/www.garciafaura.com\\\/wp-content\\\/uploads\\\/2021\\\/10\\\/Oficines-Lidl-Montcada-27.jpg&quot;},{&quot;src&quot;:&quot;https:\\\/\\\/www.garciafaura.com\\\/wp-content\\\/uploads\\\/2021\\\/10\\\/Oficines-Lidl-Montcada-26.jpg&quot;},{&quot;src&quot;:&quot;https:\\\/\\\/www.garciafaura.com\\\/wp-content\\\/uploads\\\/2021\\\/10\\\/Oficines-Lidl-Montcada-25.jpg&quot;},{&quot;src&quot;:&quot;https:\\\/\\\/www.garciafaura.com\\\/wp-content\\\/uploads\\\/2021\\\/10\\\/Oficines-Lidl-Montcada-24.jpg&quot;},{&quot;src&quot;:&quot;https:\\\/\\\/www.garciafaura.com\\\/wp-content\\\/uploads\\\/2021\\\/10\\\/Oficines-Lidl-Montcada-23.jpg&quot;},{&quot;src&quot;:&quot;https:\\\/\\\/www.garciafaura.com\\\/wp-content\\\/uploads\\\/2021\\\/10\\\/Oficines-Lidl-Montcada-22.jpg&quot;},{&quot;src&quot;:&quot;https:\\\/\\\/www.garciafaura.com\\\/wp-content\\\/uploads\\\/2021\\\/10\\\/Oficines-Lidl-Montcada-21.jpg&quot;},{&quot;src&quot;:&quot;https:\\\/\\\/www.garciafaura.com\\\/wp-content\\\/uploads\\\/2021\\\/10\\\/Oficines-Lidl-Montcada-20.jpg&quot;},{&quot;src&quot;:&quot;https:\\\/\\\/www.garciafaura.com\\\/wp-content\\\/uploads\\\/2021\\\/10\\\/Oficines-Lidl-Montcada-19.jpg&quot;},{&quot;src&quot;:&quot;https:\\\/\\\/www.garciafaura.com\\\/wp-content\\\/uploads\\\/2021\\\/10\\\/Oficines-Lidl-Montcada-18.jpg&quot;},{&quot;src&quot;:&quot;https:\\\/\\\/www.garciafaura.com\\\/wp-content\\\/uploads\\\/2021\\\/10\\\/Oficines-Lidl-Montcada-17.jpg&quot;},{&quot;src&quot;:&quot;https:\\\/\\\/www.garciafaura.com\\\/wp-content\\\/uploads\\\/2021\\\/10\\\/Oficines-Lidl-Montcada-16.jpg&quot;},{&quot;src&quot;:&quot;https:\\\/\\\/www.garciafaura.com\\\/wp-content\\\/uploads\\\/2021\\\/10\\\/Oficines-Lidl-Montcada-15.jpg&quot;},{&quot;src&quot;:&quot;https:\\\/\\\/www.garciafaura.com\\\/wp-content\\\/uploads\\\/2021\\\/10\\\/Oficines-Lidl-Montcada-14.jpg&quot;},{&quot;src&quot;:&quot;https:\\\/\\\/www.garciafaura.com\\\/wp-content\\\/uploads\\\/2021\\\/10\\\/Oficines-Lidl-Montcada-13.jpg&quot;},{&quot;src&quot;:&quot;https:\\\/\\\/www.garciafaura.com\\\/wp-content\\\/uploads\\\/2021\\\/10\\\/Oficines-Lidl-Montcada-12.jpg&quot;},{&quot;src&quot;:&quot;https:\\\/\\\/www.garciafaura.com\\\/wp-content\\\/uploads\\\/2021\\\/10\\\/Oficines-Lidl-Montcada-11.jpg&quot;},{&quot;src&quot;:&quot;https:\\\/\\\/www.garciafaura.com\\\/wp-content\\\/uploads\\\/2021\\\/10\\\/Oficines-Lidl-Montcada-10.jpg&quot;},{&quot;src&quot;:&quot;https:\\\/\\\/www.garciafaura.com\\\/wp-content\\\/uploads\\\/2021\\\/10\\\/Oficines-Lidl-Montcada-09.jpg&quot;},{&quot;src&quot;:&quot;https:\\\/\\\/www.garciafaura.com\\\/wp-content\\\/uploads\\\/2021\\\/10\\\/Oficines-Lidl-Montcada-08.jpg&quot;},{&quot;src&quot;:&quot;https:\\\/\\\/www.garciafaura.com\\\/wp-content\\\/uploads\\\/2021\\\/10\\\/Oficines-Lidl-Montcada-07.jpg&quot;},{&quot;src&quot;:&quot;https:\\\/\\\/www.garciafaura.com\\\/wp-content\\\/uploads\\\/2021\\\/10\\\/Oficines-Lidl-Montcada-06.jpg&quot;},{&quot;src&quot;:&quot;https:\\\/\\\/www.garciafaura.com\\\/wp-content\\\/uploads\\\/2021\\\/10\\\/Oficines-Lidl-Montcada-05.jpg&quot;},{&quot;src&quot;:&quot;https:\\\/\\\/www.garciafaura.com\\\/wp-content\\\/uploads\\\/2021\\\/10\\\/Oficines-Lidl-Montcada-04.jpg&quot;},{&quot;src&quot;:&quot;https:\\\/\\\/www.garciafaura.com\\\/wp-content\\\/uploads\\\/2021\\\/10\\\/Oficines-Lidl-Montcada-03.jpg&quot;},{&quot;src&quot;:&quot;https:\\\/\\\/www.garciafaura.com\\\/wp-content\\\/uploads\\\/2021\\\/10\\\/Oficines-Lidl-Montcada-02.jpg&quot;},{&quot;src&quot;:&quot;https:\\\/\\\/www.garciafaura.com\\\/wp-content\\\/uploads\\\/2021\\\/10\\\/Oficines-Lidl-Montcada-01.jpg&quot;}]\"><img loading=\"lazy\" decoding=\"async\" data-no-lazy=\"1\" class=\"portfolio-entry-img skip-lazy\" src=\"https:\/\/www.garciafaura.com\/wp-content\/uploads\/2021\/10\/Oficines-Lidl-Montcada-02-600x314.jpg\" alt='' data-no-retina width=\"600\" height=\"314\" \/><\/a><\/div><div class=\"portfolio-entry-details entry-details wpex-clr\"><h2 class=\"portfolio-entry-title entry-title\"><a href=\"https:\/\/www.garciafaura.com\/fr\/portfolio-item\/ampliacio-oficines-lidl-montcada\/\" title=\"Agrandissement des bureaux de Lidl\">Agrandissement des bureaux de Lidl<\/a><\/h2><div class=\"portfolio-entry-categories entry-categories wpex-clr\"><a href=\"https:\/\/www.garciafaura.com\/fr\/portfolio-category\/batiments-corporatifs\/\" class=\"term-69\">B\u00e2timents Corporatifs<\/a><\/div><\/div><\/div><\/div><div class=\"portfolio-entry vcex-grid-item entry-has-details span_1_of_3 col col-3 vcex-isotope-entry vcex-no-margin-entry post-28411 entry type-portfolio has-media cat-69 cat-102 translation_priority-5\"><div class=\"portfolio-entry-inner entry-inner wpex-clr\"><div class=\"portfolio-entry-media entry-media wpex-clr\"><a href=\"https:\/\/www.garciafaura.com\/wp-content\/uploads\/2021\/10\/Oficines-Pallars-180-22@-01.jpg\" title=\"Complexe de bureaux Pallars 180\" class=\"portfolio-entry-media-link wpex-lightbox-gallery\" data-gallery=\"[{&quot;src&quot;:&quot;https:\\\/\\\/www.garciafaura.com\\\/wp-content\\\/uploads\\\/2021\\\/10\\\/Oficines-Pallars-180-22@-01.jpg&quot;},{&quot;src&quot;:&quot;https:\\\/\\\/www.garciafaura.com\\\/wp-content\\\/uploads\\\/2021\\\/10\\\/Oficines-Pallars-180-22@-18.jpg&quot;},{&quot;src&quot;:&quot;https:\\\/\\\/www.garciafaura.com\\\/wp-content\\\/uploads\\\/2021\\\/10\\\/Oficines-Pallars-180-22@-17.jpg&quot;},{&quot;src&quot;:&quot;https:\\\/\\\/www.garciafaura.com\\\/wp-content\\\/uploads\\\/2021\\\/10\\\/Oficines-Pallars-180-22@-16.jpg&quot;},{&quot;src&quot;:&quot;https:\\\/\\\/www.garciafaura.com\\\/wp-content\\\/uploads\\\/2021\\\/10\\\/Oficines-Pallars-180-22@-15.jpg&quot;},{&quot;src&quot;:&quot;https:\\\/\\\/www.garciafaura.com\\\/wp-content\\\/uploads\\\/2021\\\/10\\\/Oficines-Pallars-180-22@-14.jpg&quot;},{&quot;src&quot;:&quot;https:\\\/\\\/www.garciafaura.com\\\/wp-content\\\/uploads\\\/2021\\\/10\\\/Oficines-Pallars-180-22@-13.jpg&quot;},{&quot;src&quot;:&quot;https:\\\/\\\/www.garciafaura.com\\\/wp-content\\\/uploads\\\/2021\\\/10\\\/Oficines-Pallars-180-22@-12.jpg&quot;},{&quot;src&quot;:&quot;https:\\\/\\\/www.garciafaura.com\\\/wp-content\\\/uploads\\\/2021\\\/10\\\/Oficines-Pallars-180-22@-11.jpg&quot;},{&quot;src&quot;:&quot;https:\\\/\\\/www.garciafaura.com\\\/wp-content\\\/uploads\\\/2021\\\/10\\\/Oficines-Pallars-180-22@-10.jpg&quot;},{&quot;src&quot;:&quot;https:\\\/\\\/www.garciafaura.com\\\/wp-content\\\/uploads\\\/2021\\\/10\\\/Oficines-Pallars-180-22@-09.jpg&quot;},{&quot;src&quot;:&quot;https:\\\/\\\/www.garciafaura.com\\\/wp-content\\\/uploads\\\/2021\\\/10\\\/Oficines-Pallars-180-22@-08.jpg&quot;},{&quot;src&quot;:&quot;https:\\\/\\\/www.garciafaura.com\\\/wp-content\\\/uploads\\\/2021\\\/10\\\/Oficines-Pallars-180-22@-07.jpg&quot;},{&quot;src&quot;:&quot;https:\\\/\\\/www.garciafaura.com\\\/wp-content\\\/uploads\\\/2021\\\/10\\\/Oficines-Pallars-180-22@-06.jpg&quot;},{&quot;src&quot;:&quot;https:\\\/\\\/www.garciafaura.com\\\/wp-content\\\/uploads\\\/2021\\\/10\\\/Oficines-Pallars-180-22@-05.jpg&quot;},{&quot;src&quot;:&quot;https:\\\/\\\/www.garciafaura.com\\\/wp-content\\\/uploads\\\/2021\\\/10\\\/Oficines-Pallars-180-22@-04.jpg&quot;},{&quot;src&quot;:&quot;https:\\\/\\\/www.garciafaura.com\\\/wp-content\\\/uploads\\\/2021\\\/10\\\/Oficines-Pallars-180-22@-03.jpg&quot;},{&quot;src&quot;:&quot;https:\\\/\\\/www.garciafaura.com\\\/wp-content\\\/uploads\\\/2021\\\/10\\\/Oficines-Pallars-180-22@-02.jpg&quot;}]\"><img loading=\"lazy\" decoding=\"async\" data-no-lazy=\"1\" class=\"portfolio-entry-img skip-lazy\" src=\"https:\/\/www.garciafaura.com\/wp-content\/uploads\/2021\/10\/Oficines-Pallars-180-22@-01-600x314.jpg\" alt='' data-no-retina width=\"600\" height=\"314\" \/><\/a><\/div><div class=\"portfolio-entry-details entry-details wpex-clr\"><h2 class=\"portfolio-entry-title entry-title\"><a href=\"https:\/\/www.garciafaura.com\/fr\/portfolio-item\/complex-doficines-22\/\" title=\"Complexe de bureaux Pallars 180\">Complexe de bureaux Pallars 180<\/a><\/h2><div class=\"portfolio-entry-categories entry-categories wpex-clr\"><a href=\"https:\/\/www.garciafaura.com\/fr\/portfolio-category\/batiments-corporatifs\/\" class=\"term-69\">B\u00e2timents Corporatifs<\/a><\/div><\/div><\/div><\/div><div class=\"portfolio-entry vcex-grid-item entry-has-details span_1_of_3 col col-1 vcex-isotope-entry vcex-no-margin-entry post-28299 entry type-portfolio has-media cat-69 cat-93 cat-95 cat-90 cat-101 translation_priority-5\"><div class=\"portfolio-entry-inner entry-inner wpex-clr\"><div class=\"portfolio-entry-media entry-media wpex-clr\"><a href=\"https:\/\/www.garciafaura.com\/wp-content\/uploads\/2021\/08\/ViaPoblados-01a.jpg\" title=\"Bureaux V\u00eda de los Poblados\" class=\"portfolio-entry-media-link wpex-lightbox-gallery\" data-gallery=\"[{&quot;src&quot;:&quot;https:\\\/\\\/www.garciafaura.com\\\/wp-content\\\/uploads\\\/2021\\\/08\\\/ViaPoblados-01a.jpg&quot;},{&quot;src&quot;:&quot;https:\\\/\\\/www.garciafaura.com\\\/wp-content\\\/uploads\\\/2021\\\/08\\\/ViaPoblados-05a.jpg&quot;},{&quot;src&quot;:&quot;https:\\\/\\\/www.garciafaura.com\\\/wp-content\\\/uploads\\\/2021\\\/08\\\/ViaPoblados-04a.jpg&quot;},{&quot;src&quot;:&quot;https:\\\/\\\/www.garciafaura.com\\\/wp-content\\\/uploads\\\/2021\\\/08\\\/ViaPoblados-03a.jpg&quot;},{&quot;src&quot;:&quot;https:\\\/\\\/www.garciafaura.com\\\/wp-content\\\/uploads\\\/2021\\\/08\\\/ViaPoblados-06a.jpg&quot;}]\"><img loading=\"lazy\" decoding=\"async\" data-no-lazy=\"1\" class=\"portfolio-entry-img skip-lazy\" src=\"https:\/\/www.garciafaura.com\/wp-content\/uploads\/2021\/08\/ViaPoblados-01a-600x314.jpg\" alt='' data-no-retina width=\"600\" height=\"314\" \/><\/a><\/div><div class=\"portfolio-entry-details entry-details wpex-clr\"><h2 class=\"portfolio-entry-title entry-title\"><a href=\"https:\/\/www.garciafaura.com\/fr\/portfolio-item\/oficines-via-de-los-poblados\/\" title=\"Bureaux V\u00eda de los Poblados\">Bureaux V\u00eda de los Poblados<\/a><\/h2><div class=\"portfolio-entry-categories entry-categories wpex-clr\"><a href=\"https:\/\/www.garciafaura.com\/fr\/portfolio-category\/facades-remarquables\/\" class=\"term-95\">Fa\u00e7ades Remarquables<\/a><\/div><\/div><\/div><\/div><div class=\"portfolio-entry vcex-grid-item entry-has-details span_1_of_3 col col-2 vcex-isotope-entry vcex-no-margin-entry post-27749 entry type-portfolio has-media cat-69 cat-102 cat-93 cat-95 translation_priority-5\"><div class=\"portfolio-entry-inner entry-inner wpex-clr\"><div class=\"portfolio-entry-media entry-media wpex-clr\"><a href=\"https:\/\/www.garciafaura.com\/wp-content\/uploads\/2021\/07\/Europa-Building-LH-12.jpg\" title=\"B\u00e2timent de bureaux Europa Building L&rsquo;H\" class=\"portfolio-entry-media-link wpex-lightbox-gallery\" data-gallery=\"[{&quot;src&quot;:&quot;https:\\\/\\\/www.garciafaura.com\\\/wp-content\\\/uploads\\\/2021\\\/07\\\/Europa-Building-LH-01.jpg&quot;,&quot;title&quot;:&quot;Europa Building LH&quot;},{&quot;src&quot;:&quot;https:\\\/\\\/www.garciafaura.com\\\/wp-content\\\/uploads\\\/2021\\\/07\\\/Europa-Building-LH-16.jpg&quot;,&quot;title&quot;:&quot;Europa Building LH&quot;},{&quot;src&quot;:&quot;https:\\\/\\\/www.garciafaura.com\\\/wp-content\\\/uploads\\\/2021\\\/07\\\/Europa-Building-LH-15.jpg&quot;,&quot;title&quot;:&quot;Europa Building LH&quot;},{&quot;src&quot;:&quot;https:\\\/\\\/www.garciafaura.com\\\/wp-content\\\/uploads\\\/2021\\\/07\\\/Europa-Building-LH-14.jpg&quot;,&quot;title&quot;:&quot;Europa Building LH&quot;},{&quot;src&quot;:&quot;https:\\\/\\\/www.garciafaura.com\\\/wp-content\\\/uploads\\\/2021\\\/07\\\/Europa-Building-LH-13.jpg&quot;,&quot;title&quot;:&quot;Europa Building LH&quot;},{&quot;src&quot;:&quot;https:\\\/\\\/www.garciafaura.com\\\/wp-content\\\/uploads\\\/2021\\\/07\\\/Europa-Building-LH-12.jpg&quot;,&quot;title&quot;:&quot;Europa Building LH&quot;},{&quot;src&quot;:&quot;https:\\\/\\\/www.garciafaura.com\\\/wp-content\\\/uploads\\\/2021\\\/07\\\/Europa-Building-LH-11.jpg&quot;,&quot;title&quot;:&quot;Europa Building LH&quot;},{&quot;src&quot;:&quot;https:\\\/\\\/www.garciafaura.com\\\/wp-content\\\/uploads\\\/2021\\\/07\\\/Europa-Building-LH-10.jpg&quot;,&quot;title&quot;:&quot;Europa Building LH&quot;},{&quot;src&quot;:&quot;https:\\\/\\\/www.garciafaura.com\\\/wp-content\\\/uploads\\\/2021\\\/07\\\/Europa-Building-LH-09.jpg&quot;,&quot;title&quot;:&quot;Europa Building LH&quot;},{&quot;src&quot;:&quot;https:\\\/\\\/www.garciafaura.com\\\/wp-content\\\/uploads\\\/2021\\\/07\\\/Europa-Building-LH-08.jpg&quot;,&quot;title&quot;:&quot;Europa Building LH&quot;},{&quot;src&quot;:&quot;https:\\\/\\\/www.garciafaura.com\\\/wp-content\\\/uploads\\\/2021\\\/07\\\/Europa-Building-LH-07.jpg&quot;,&quot;title&quot;:&quot;Europa Building LH&quot;},{&quot;src&quot;:&quot;https:\\\/\\\/www.garciafaura.com\\\/wp-content\\\/uploads\\\/2021\\\/07\\\/Europa-Building-LH-06.jpg&quot;,&quot;title&quot;:&quot;Europa Building LH&quot;},{&quot;src&quot;:&quot;https:\\\/\\\/www.garciafaura.com\\\/wp-content\\\/uploads\\\/2021\\\/07\\\/Europa-Building-LH-05.jpg&quot;,&quot;title&quot;:&quot;Europa Building LH&quot;},{&quot;src&quot;:&quot;https:\\\/\\\/www.garciafaura.com\\\/wp-content\\\/uploads\\\/2021\\\/07\\\/Europa-Building-LH-04.jpg&quot;,&quot;title&quot;:&quot;Europa Building LH&quot;},{&quot;src&quot;:&quot;https:\\\/\\\/www.garciafaura.com\\\/wp-content\\\/uploads\\\/2021\\\/07\\\/Europa-Building-LH-03.jpg&quot;,&quot;title&quot;:&quot;Europa Building LH&quot;},{&quot;src&quot;:&quot;https:\\\/\\\/www.garciafaura.com\\\/wp-content\\\/uploads\\\/2021\\\/07\\\/Europa-Building-LH-02.jpg&quot;,&quot;title&quot;:&quot;Europa Building LH&quot;}]\"><img loading=\"lazy\" decoding=\"async\" data-no-lazy=\"1\" class=\"portfolio-entry-img skip-lazy\" src=\"https:\/\/www.garciafaura.com\/wp-content\/uploads\/2021\/07\/Europa-Building-LH-12-600x314.jpg\" alt=\"Europa Building LH\" data-no-retina width=\"600\" height=\"314\" \/><\/a><\/div><div class=\"portfolio-entry-details entry-details wpex-clr\"><h2 class=\"portfolio-entry-title entry-title\"><a href=\"https:\/\/www.garciafaura.com\/fr\/portfolio-item\/edificio-de-oficinas-europa-building-lhospitalet\/\" title=\"B\u00e2timent de bureaux Europa Building L&rsquo;H\">B\u00e2timent de bureaux Europa Building L&rsquo;H<\/a><\/h2><div class=\"portfolio-entry-categories entry-categories wpex-clr\"><a href=\"https:\/\/www.garciafaura.com\/fr\/portfolio-category\/batiments-corporatifs\/\" class=\"term-69\">B\u00e2timents Corporatifs<\/a><\/div><\/div><\/div><\/div><div class=\"portfolio-entry vcex-grid-item entry-has-details span_1_of_3 col col-3 vcex-isotope-entry vcex-no-margin-entry post-27492 entry type-portfolio has-media cat-69 cat-102 cat-93 cat-95 cat-90 cat-101 translation_priority-5\"><div class=\"portfolio-entry-inner entry-inner wpex-clr\"><div class=\"portfolio-entry-media entry-media wpex-clr\"><a href=\"https:\/\/www.garciafaura.com\/wp-content\/uploads\/2021\/05\/Oficines-Diagonal-530-28.jpg\" title=\"Immeuble de bureaux Diagonal 530\" class=\"portfolio-entry-media-link wpex-lightbox-gallery\" data-gallery=\"[{&quot;src&quot;:&quot;https:\\\/\\\/www.garciafaura.com\\\/wp-content\\\/uploads\\\/2021\\\/05\\\/Oficines-Diagonal-530-28.jpg&quot;},{&quot;src&quot;:&quot;https:\\\/\\\/www.garciafaura.com\\\/wp-content\\\/uploads\\\/2021\\\/05\\\/Oficines-Diagonal-530-35.jpg&quot;},{&quot;src&quot;:&quot;https:\\\/\\\/www.garciafaura.com\\\/wp-content\\\/uploads\\\/2021\\\/05\\\/Oficines-Diagonal-530-34.jpg&quot;},{&quot;src&quot;:&quot;https:\\\/\\\/www.garciafaura.com\\\/wp-content\\\/uploads\\\/2021\\\/05\\\/Oficines-Diagonal-530-33.jpg&quot;},{&quot;src&quot;:&quot;https:\\\/\\\/www.garciafaura.com\\\/wp-content\\\/uploads\\\/2021\\\/05\\\/Oficines-Diagonal-530-32.jpg&quot;},{&quot;src&quot;:&quot;https:\\\/\\\/www.garciafaura.com\\\/wp-content\\\/uploads\\\/2021\\\/05\\\/Oficines-Diagonal-530-31.jpg&quot;},{&quot;src&quot;:&quot;https:\\\/\\\/www.garciafaura.com\\\/wp-content\\\/uploads\\\/2021\\\/05\\\/Oficines-Diagonal-530-30.jpg&quot;},{&quot;src&quot;:&quot;https:\\\/\\\/www.garciafaura.com\\\/wp-content\\\/uploads\\\/2021\\\/05\\\/Oficines-Diagonal-530-29.jpg&quot;},{&quot;src&quot;:&quot;https:\\\/\\\/www.garciafaura.com\\\/wp-content\\\/uploads\\\/2021\\\/05\\\/Oficines-Diagonal-530-27.jpg&quot;},{&quot;src&quot;:&quot;https:\\\/\\\/www.garciafaura.com\\\/wp-content\\\/uploads\\\/2021\\\/05\\\/Oficines-Diagonal-530-26.jpg&quot;},{&quot;src&quot;:&quot;https:\\\/\\\/www.garciafaura.com\\\/wp-content\\\/uploads\\\/2021\\\/05\\\/Oficines-Diagonal-530-25.jpg&quot;},{&quot;src&quot;:&quot;https:\\\/\\\/www.garciafaura.com\\\/wp-content\\\/uploads\\\/2021\\\/05\\\/Oficines-Diagonal-530-24.jpg&quot;},{&quot;src&quot;:&quot;https:\\\/\\\/www.garciafaura.com\\\/wp-content\\\/uploads\\\/2021\\\/05\\\/Oficines-Diagonal-530-23.jpg&quot;},{&quot;src&quot;:&quot;https:\\\/\\\/www.garciafaura.com\\\/wp-content\\\/uploads\\\/2021\\\/05\\\/Oficines-Diagonal-530-22.jpg&quot;},{&quot;src&quot;:&quot;https:\\\/\\\/www.garciafaura.com\\\/wp-content\\\/uploads\\\/2021\\\/05\\\/Oficines-Diagonal-530-21.jpg&quot;},{&quot;src&quot;:&quot;https:\\\/\\\/www.garciafaura.com\\\/wp-content\\\/uploads\\\/2021\\\/05\\\/Oficines-Diagonal-530-20.jpg&quot;},{&quot;src&quot;:&quot;https:\\\/\\\/www.garciafaura.com\\\/wp-content\\\/uploads\\\/2021\\\/05\\\/Oficines-Diagonal-530-19.jpg&quot;},{&quot;src&quot;:&quot;https:\\\/\\\/www.garciafaura.com\\\/wp-content\\\/uploads\\\/2021\\\/05\\\/Oficines-Diagonal-530-18.jpg&quot;},{&quot;src&quot;:&quot;https:\\\/\\\/www.garciafaura.com\\\/wp-content\\\/uploads\\\/2021\\\/05\\\/Oficines-Diagonal-530-17.jpg&quot;},{&quot;src&quot;:&quot;https:\\\/\\\/www.garciafaura.com\\\/wp-content\\\/uploads\\\/2021\\\/05\\\/Oficines-Diagonal-530-16.jpg&quot;},{&quot;src&quot;:&quot;https:\\\/\\\/www.garciafaura.com\\\/wp-content\\\/uploads\\\/2021\\\/05\\\/Oficines-Diagonal-530-15.jpg&quot;},{&quot;src&quot;:&quot;https:\\\/\\\/www.garciafaura.com\\\/wp-content\\\/uploads\\\/2021\\\/05\\\/Oficines-Diagonal-530-14.jpg&quot;},{&quot;src&quot;:&quot;https:\\\/\\\/www.garciafaura.com\\\/wp-content\\\/uploads\\\/2021\\\/05\\\/Oficines-Diagonal-530-13.jpg&quot;},{&quot;src&quot;:&quot;https:\\\/\\\/www.garciafaura.com\\\/wp-content\\\/uploads\\\/2021\\\/05\\\/Oficines-Diagonal-530-12.jpg&quot;},{&quot;src&quot;:&quot;https:\\\/\\\/www.garciafaura.com\\\/wp-content\\\/uploads\\\/2021\\\/05\\\/Oficines-Diagonal-530-11.jpg&quot;},{&quot;src&quot;:&quot;https:\\\/\\\/www.garciafaura.com\\\/wp-content\\\/uploads\\\/2021\\\/05\\\/Oficines-Diagonal-530-10.jpg&quot;},{&quot;src&quot;:&quot;https:\\\/\\\/www.garciafaura.com\\\/wp-content\\\/uploads\\\/2021\\\/05\\\/Oficines-Diagonal-530-09.jpg&quot;},{&quot;src&quot;:&quot;https:\\\/\\\/www.garciafaura.com\\\/wp-content\\\/uploads\\\/2021\\\/05\\\/Oficines-Diagonal-530-08.jpg&quot;},{&quot;src&quot;:&quot;https:\\\/\\\/www.garciafaura.com\\\/wp-content\\\/uploads\\\/2021\\\/05\\\/Oficines-Diagonal-530-07.jpg&quot;},{&quot;src&quot;:&quot;https:\\\/\\\/www.garciafaura.com\\\/wp-content\\\/uploads\\\/2021\\\/05\\\/Oficines-Diagonal-530-06.jpg&quot;},{&quot;src&quot;:&quot;https:\\\/\\\/www.garciafaura.com\\\/wp-content\\\/uploads\\\/2021\\\/05\\\/Oficines-Diagonal-530-05.jpg&quot;},{&quot;src&quot;:&quot;https:\\\/\\\/www.garciafaura.com\\\/wp-content\\\/uploads\\\/2021\\\/05\\\/Oficines-Diagonal-530-04.jpg&quot;},{&quot;src&quot;:&quot;https:\\\/\\\/www.garciafaura.com\\\/wp-content\\\/uploads\\\/2021\\\/05\\\/Oficines-Diagonal-530-03.jpg&quot;},{&quot;src&quot;:&quot;https:\\\/\\\/www.garciafaura.com\\\/wp-content\\\/uploads\\\/2021\\\/05\\\/Oficines-Diagonal-530-02.jpg&quot;},{&quot;src&quot;:&quot;https:\\\/\\\/www.garciafaura.com\\\/wp-content\\\/uploads\\\/2021\\\/05\\\/Oficines-Diagonal-530-01.jpg&quot;}]\"><img loading=\"lazy\" decoding=\"async\" data-no-lazy=\"1\" class=\"portfolio-entry-img skip-lazy\" src=\"https:\/\/www.garciafaura.com\/wp-content\/uploads\/2021\/05\/Oficines-Diagonal-530-28-600x314.jpg\" alt='' data-no-retina width=\"600\" height=\"314\" \/><\/a><\/div><div class=\"portfolio-entry-details entry-details wpex-clr\"><h2 class=\"portfolio-entry-title entry-title\"><a href=\"https:\/\/www.garciafaura.com\/fr\/portfolio-item\/edifici-doficines-diagonal-532\/\" title=\"Immeuble de bureaux Diagonal 530\">Immeuble de bureaux Diagonal 530<\/a><\/h2><div class=\"portfolio-entry-categories entry-categories wpex-clr\"><a href=\"https:\/\/www.garciafaura.com\/fr\/portfolio-category\/facades-remarquables\/\" class=\"term-95\">Fa\u00e7ades Remarquables<\/a><\/div><\/div><\/div><\/div><div class=\"portfolio-entry vcex-grid-item entry-has-details span_1_of_3 col col-1 vcex-isotope-entry vcex-no-margin-entry post-26297 entry type-portfolio has-media cat-69 cat-102 cat-75 cat-92 translation_priority-5\"><div class=\"portfolio-entry-inner entry-inner wpex-clr\"><div class=\"portfolio-entry-media entry-media wpex-clr\"><a href=\"https:\/\/www.garciafaura.com\/wp-content\/uploads\/2021\/01\/Pediatric-Centre-Sant-Joan-Deu-42.jpg\" title=\"H\u00f4pital SJD Pediatric Cancer Center BCN\" class=\"portfolio-entry-media-link wpex-lightbox-gallery\" data-gallery=\"[{&quot;src&quot;:&quot;https:\\\/\\\/www.garciafaura.com\\\/wp-content\\\/uploads\\\/2021\\\/01\\\/Pediatric-Centre-Sant-Joan-Deu-42.jpg&quot;},{&quot;src&quot;:&quot;https:\\\/\\\/www.garciafaura.com\\\/wp-content\\\/uploads\\\/2021\\\/01\\\/Pediatric-Centre-Sant-Joan-Deu-57.jpg&quot;},{&quot;src&quot;:&quot;https:\\\/\\\/www.garciafaura.com\\\/wp-content\\\/uploads\\\/2021\\\/01\\\/Pediatric-Centre-Sant-Joan-Deu-56.jpg&quot;},{&quot;src&quot;:&quot;https:\\\/\\\/www.garciafaura.com\\\/wp-content\\\/uploads\\\/2021\\\/01\\\/Pediatric-Centre-Sant-Joan-Deu-55.jpg&quot;},{&quot;src&quot;:&quot;https:\\\/\\\/www.garciafaura.com\\\/wp-content\\\/uploads\\\/2021\\\/01\\\/Pediatric-Centre-Sant-Joan-Deu-54.jpg&quot;},{&quot;src&quot;:&quot;https:\\\/\\\/www.garciafaura.com\\\/wp-content\\\/uploads\\\/2021\\\/01\\\/Pediatric-Centre-Sant-Joan-Deu-53.jpg&quot;},{&quot;src&quot;:&quot;https:\\\/\\\/www.garciafaura.com\\\/wp-content\\\/uploads\\\/2021\\\/01\\\/Pediatric-Centre-Sant-Joan-Deu-52.jpg&quot;},{&quot;src&quot;:&quot;https:\\\/\\\/www.garciafaura.com\\\/wp-content\\\/uploads\\\/2021\\\/01\\\/Pediatric-Centre-Sant-Joan-Deu-51.jpg&quot;},{&quot;src&quot;:&quot;https:\\\/\\\/www.garciafaura.com\\\/wp-content\\\/uploads\\\/2021\\\/01\\\/Pediatric-Centre-Sant-Joan-Deu-50.jpg&quot;},{&quot;src&quot;:&quot;https:\\\/\\\/www.garciafaura.com\\\/wp-content\\\/uploads\\\/2021\\\/01\\\/Pediatric-Centre-Sant-Joan-Deu-49.jpg&quot;},{&quot;src&quot;:&quot;https:\\\/\\\/www.garciafaura.com\\\/wp-content\\\/uploads\\\/2021\\\/01\\\/Pediatric-Centre-Sant-Joan-Deu-48.jpg&quot;},{&quot;src&quot;:&quot;https:\\\/\\\/www.garciafaura.com\\\/wp-content\\\/uploads\\\/2021\\\/01\\\/Pediatric-Centre-Sant-Joan-Deu-47.jpg&quot;},{&quot;src&quot;:&quot;https:\\\/\\\/www.garciafaura.com\\\/wp-content\\\/uploads\\\/2021\\\/01\\\/Pediatric-Centre-Sant-Joan-Deu-46.jpg&quot;},{&quot;src&quot;:&quot;https:\\\/\\\/www.garciafaura.com\\\/wp-content\\\/uploads\\\/2021\\\/01\\\/Pediatric-Centre-Sant-Joan-Deu-45.jpg&quot;},{&quot;src&quot;:&quot;https:\\\/\\\/www.garciafaura.com\\\/wp-content\\\/uploads\\\/2021\\\/01\\\/Pediatric-Centre-Sant-Joan-Deu-44.jpg&quot;},{&quot;src&quot;:&quot;https:\\\/\\\/www.garciafaura.com\\\/wp-content\\\/uploads\\\/2021\\\/01\\\/Pediatric-Centre-Sant-Joan-Deu-43.jpg&quot;},{&quot;src&quot;:&quot;https:\\\/\\\/www.garciafaura.com\\\/wp-content\\\/uploads\\\/2021\\\/01\\\/Pediatric-Centre-Sant-Joan-Deu-41.jpg&quot;},{&quot;src&quot;:&quot;https:\\\/\\\/www.garciafaura.com\\\/wp-content\\\/uploads\\\/2021\\\/01\\\/Pediatric-Centre-Sant-Joan-Deu-40.jpg&quot;},{&quot;src&quot;:&quot;https:\\\/\\\/www.garciafaura.com\\\/wp-content\\\/uploads\\\/2021\\\/01\\\/Pediatric-Centre-Sant-Joan-Deu-39.jpg&quot;},{&quot;src&quot;:&quot;https:\\\/\\\/www.garciafaura.com\\\/wp-content\\\/uploads\\\/2021\\\/01\\\/Pediatric-Centre-Sant-Joan-Deu-38.jpg&quot;},{&quot;src&quot;:&quot;https:\\\/\\\/www.garciafaura.com\\\/wp-content\\\/uploads\\\/2021\\\/01\\\/Pediatric-Centre-Sant-Joan-Deu-37.jpg&quot;},{&quot;src&quot;:&quot;https:\\\/\\\/www.garciafaura.com\\\/wp-content\\\/uploads\\\/2021\\\/01\\\/Pediatric-Centre-Sant-Joan-Deu-36.jpg&quot;},{&quot;src&quot;:&quot;https:\\\/\\\/www.garciafaura.com\\\/wp-content\\\/uploads\\\/2021\\\/01\\\/Pediatric-Centre-Sant-Joan-Deu-35.jpg&quot;},{&quot;src&quot;:&quot;https:\\\/\\\/www.garciafaura.com\\\/wp-content\\\/uploads\\\/2021\\\/01\\\/Pediatric-Centre-Sant-Joan-Deu-34.jpg&quot;},{&quot;src&quot;:&quot;https:\\\/\\\/www.garciafaura.com\\\/wp-content\\\/uploads\\\/2021\\\/01\\\/Pediatric-Centre-Sant-Joan-Deu-33.jpg&quot;},{&quot;src&quot;:&quot;https:\\\/\\\/www.garciafaura.com\\\/wp-content\\\/uploads\\\/2021\\\/01\\\/Pediatric-Centre-Sant-Joan-Deu-32.jpg&quot;},{&quot;src&quot;:&quot;https:\\\/\\\/www.garciafaura.com\\\/wp-content\\\/uploads\\\/2021\\\/01\\\/Pediatric-Centre-Sant-Joan-Deu-31.jpg&quot;},{&quot;src&quot;:&quot;https:\\\/\\\/www.garciafaura.com\\\/wp-content\\\/uploads\\\/2021\\\/01\\\/Pediatric-Centre-Sant-Joan-Deu-30.jpg&quot;},{&quot;src&quot;:&quot;https:\\\/\\\/www.garciafaura.com\\\/wp-content\\\/uploads\\\/2021\\\/01\\\/Pediatric-Centre-Sant-Joan-Deu-29.jpg&quot;},{&quot;src&quot;:&quot;https:\\\/\\\/www.garciafaura.com\\\/wp-content\\\/uploads\\\/2021\\\/01\\\/Pediatric-Centre-Sant-Joan-Deu-28.jpg&quot;},{&quot;src&quot;:&quot;https:\\\/\\\/www.garciafaura.com\\\/wp-content\\\/uploads\\\/2021\\\/01\\\/Pediatric-Centre-Sant-Joan-Deu-27.jpg&quot;},{&quot;src&quot;:&quot;https:\\\/\\\/www.garciafaura.com\\\/wp-content\\\/uploads\\\/2021\\\/01\\\/Pediatric-Centre-Sant-Joan-Deu-26.jpg&quot;},{&quot;src&quot;:&quot;https:\\\/\\\/www.garciafaura.com\\\/wp-content\\\/uploads\\\/2021\\\/01\\\/Pediatric-Centre-Sant-Joan-Deu-25.jpg&quot;},{&quot;src&quot;:&quot;https:\\\/\\\/www.garciafaura.com\\\/wp-content\\\/uploads\\\/2021\\\/01\\\/Pediatric-Centre-Sant-Joan-Deu-24.jpg&quot;},{&quot;src&quot;:&quot;https:\\\/\\\/www.garciafaura.com\\\/wp-content\\\/uploads\\\/2021\\\/01\\\/Pediatric-Centre-Sant-Joan-Deu-23.jpg&quot;},{&quot;src&quot;:&quot;https:\\\/\\\/www.garciafaura.com\\\/wp-content\\\/uploads\\\/2021\\\/01\\\/Pediatric-Centre-Sant-Joan-Deu-22.jpg&quot;},{&quot;src&quot;:&quot;https:\\\/\\\/www.garciafaura.com\\\/wp-content\\\/uploads\\\/2021\\\/01\\\/Pediatric-Centre-Sant-Joan-Deu-21.jpg&quot;},{&quot;src&quot;:&quot;https:\\\/\\\/www.garciafaura.com\\\/wp-content\\\/uploads\\\/2021\\\/01\\\/Pediatric-Centre-Sant-Joan-Deu-20.jpg&quot;},{&quot;src&quot;:&quot;https:\\\/\\\/www.garciafaura.com\\\/wp-content\\\/uploads\\\/2021\\\/01\\\/Pediatric-Centre-Sant-Joan-Deu-19.jpg&quot;},{&quot;src&quot;:&quot;https:\\\/\\\/www.garciafaura.com\\\/wp-content\\\/uploads\\\/2021\\\/01\\\/Pediatric-Centre-Sant-Joan-Deu-18.jpg&quot;},{&quot;src&quot;:&quot;https:\\\/\\\/www.garciafaura.com\\\/wp-content\\\/uploads\\\/2021\\\/01\\\/Pediatric-Centre-Sant-Joan-Deu-17.jpg&quot;},{&quot;src&quot;:&quot;https:\\\/\\\/www.garciafaura.com\\\/wp-content\\\/uploads\\\/2021\\\/01\\\/Pediatric-Centre-Sant-Joan-Deu-16.jpg&quot;},{&quot;src&quot;:&quot;https:\\\/\\\/www.garciafaura.com\\\/wp-content\\\/uploads\\\/2021\\\/01\\\/Pediatric-Centre-Sant-Joan-Deu-15.jpg&quot;},{&quot;src&quot;:&quot;https:\\\/\\\/www.garciafaura.com\\\/wp-content\\\/uploads\\\/2021\\\/01\\\/Pediatric-Centre-Sant-Joan-Deu-14.jpg&quot;},{&quot;src&quot;:&quot;https:\\\/\\\/www.garciafaura.com\\\/wp-content\\\/uploads\\\/2021\\\/01\\\/Pediatric-Centre-Sant-Joan-Deu-13.jpg&quot;},{&quot;src&quot;:&quot;https:\\\/\\\/www.garciafaura.com\\\/wp-content\\\/uploads\\\/2021\\\/01\\\/Pediatric-Centre-Sant-Joan-Deu-12.jpg&quot;},{&quot;src&quot;:&quot;https:\\\/\\\/www.garciafaura.com\\\/wp-content\\\/uploads\\\/2021\\\/01\\\/Pediatric-Centre-Sant-Joan-Deu-11.jpg&quot;},{&quot;src&quot;:&quot;https:\\\/\\\/www.garciafaura.com\\\/wp-content\\\/uploads\\\/2021\\\/01\\\/Pediatric-Centre-Sant-Joan-Deu-10.jpg&quot;},{&quot;src&quot;:&quot;https:\\\/\\\/www.garciafaura.com\\\/wp-content\\\/uploads\\\/2021\\\/01\\\/Pediatric-Centre-Sant-Joan-Deu-09.jpg&quot;},{&quot;src&quot;:&quot;https:\\\/\\\/www.garciafaura.com\\\/wp-content\\\/uploads\\\/2021\\\/01\\\/Pediatric-Centre-Sant-Joan-Deu-08.jpg&quot;},{&quot;src&quot;:&quot;https:\\\/\\\/www.garciafaura.com\\\/wp-content\\\/uploads\\\/2021\\\/01\\\/Pediatric-Centre-Sant-Joan-Deu-07.jpg&quot;},{&quot;src&quot;:&quot;https:\\\/\\\/www.garciafaura.com\\\/wp-content\\\/uploads\\\/2021\\\/01\\\/Pediatric-Centre-Sant-Joan-Deu-06.jpg&quot;},{&quot;src&quot;:&quot;https:\\\/\\\/www.garciafaura.com\\\/wp-content\\\/uploads\\\/2021\\\/01\\\/Pediatric-Centre-Sant-Joan-Deu-05.jpg&quot;},{&quot;src&quot;:&quot;https:\\\/\\\/www.garciafaura.com\\\/wp-content\\\/uploads\\\/2021\\\/01\\\/Pediatric-Centre-Sant-Joan-Deu-04.jpg&quot;},{&quot;src&quot;:&quot;https:\\\/\\\/www.garciafaura.com\\\/wp-content\\\/uploads\\\/2021\\\/01\\\/Pediatric-Centre-Sant-Joan-Deu-03.jpg&quot;},{&quot;src&quot;:&quot;https:\\\/\\\/www.garciafaura.com\\\/wp-content\\\/uploads\\\/2021\\\/01\\\/Pediatric-Centre-Sant-Joan-Deu-02.jpg&quot;},{&quot;src&quot;:&quot;https:\\\/\\\/www.garciafaura.com\\\/wp-content\\\/uploads\\\/2021\\\/01\\\/Pediatric-Centre-Sant-Joan-Deu-01.jpg&quot;}]\"><img loading=\"lazy\" decoding=\"async\" data-no-lazy=\"1\" class=\"portfolio-entry-img skip-lazy\" src=\"https:\/\/www.garciafaura.com\/wp-content\/uploads\/2021\/01\/Pediatric-Centre-Sant-Joan-Deu-42-600x314.jpg\" alt='' data-no-retina width=\"600\" height=\"314\" \/><\/a><\/div><div class=\"portfolio-entry-details entry-details wpex-clr\"><h2 class=\"portfolio-entry-title entry-title\"><a href=\"https:\/\/www.garciafaura.com\/fr\/portfolio-item\/hospital-sjd-pediatric-cancer-center-de-barcelona\/\" title=\"H\u00f4pital SJD Pediatric Cancer Center BCN\">H\u00f4pital SJD Pediatric Cancer Center BCN<\/a><\/h2><div class=\"portfolio-entry-categories entry-categories wpex-clr\"><a href=\"https:\/\/www.garciafaura.com\/fr\/portfolio-category\/batiments-de-services\/\" class=\"term-75\">B\u00e2timents de Services<\/a><\/div><\/div><\/div><\/div><div class=\"portfolio-entry vcex-grid-item entry-has-details span_1_of_3 col col-2 vcex-isotope-entry vcex-no-margin-entry post-26224 entry type-portfolio has-media cat-69 cat-102 cat-93 cat-95 translation_priority-5\"><div class=\"portfolio-entry-inner entry-inner wpex-clr\"><div class=\"portfolio-entry-media entry-media wpex-clr\"><a href=\"https:\/\/www.garciafaura.com\/wp-content\/uploads\/2021\/01\/Complex-Selva-de-Mar-amb-solete-01.jpg\" title=\"Complexe Selva de Mar\" class=\"portfolio-entry-media-link wpex-lightbox-gallery\" data-gallery=\"[{&quot;src&quot;:&quot;https:\\\/\\\/www.garciafaura.com\\\/wp-content\\\/uploads\\\/2021\\\/01\\\/Complex-Selva-de-Mar-amb-solete-01.jpg&quot;},{&quot;src&quot;:&quot;https:\\\/\\\/www.garciafaura.com\\\/wp-content\\\/uploads\\\/2021\\\/01\\\/Complex-Selva-de-Mar-amb-solete-22.jpg&quot;},{&quot;src&quot;:&quot;https:\\\/\\\/www.garciafaura.com\\\/wp-content\\\/uploads\\\/2021\\\/01\\\/Complex-Selva-de-Mar-amb-solete-21.jpg&quot;},{&quot;src&quot;:&quot;https:\\\/\\\/www.garciafaura.com\\\/wp-content\\\/uploads\\\/2021\\\/01\\\/Complex-Selva-de-Mar-amb-solete-20.jpg&quot;},{&quot;src&quot;:&quot;https:\\\/\\\/www.garciafaura.com\\\/wp-content\\\/uploads\\\/2021\\\/01\\\/Complex-Selva-de-Mar-amb-solete-19.jpg&quot;},{&quot;src&quot;:&quot;https:\\\/\\\/www.garciafaura.com\\\/wp-content\\\/uploads\\\/2021\\\/01\\\/Complex-Selva-de-Mar-amb-solete-18.jpg&quot;},{&quot;src&quot;:&quot;https:\\\/\\\/www.garciafaura.com\\\/wp-content\\\/uploads\\\/2021\\\/01\\\/Complex-Selva-de-Mar-amb-solete-17.jpg&quot;},{&quot;src&quot;:&quot;https:\\\/\\\/www.garciafaura.com\\\/wp-content\\\/uploads\\\/2021\\\/01\\\/Complex-Selva-de-Mar-amb-solete-16.jpg&quot;},{&quot;src&quot;:&quot;https:\\\/\\\/www.garciafaura.com\\\/wp-content\\\/uploads\\\/2021\\\/01\\\/Complex-Selva-de-Mar-amb-solete-15.jpg&quot;},{&quot;src&quot;:&quot;https:\\\/\\\/www.garciafaura.com\\\/wp-content\\\/uploads\\\/2021\\\/01\\\/Complex-Selva-de-Mar-amb-solete-14.jpg&quot;},{&quot;src&quot;:&quot;https:\\\/\\\/www.garciafaura.com\\\/wp-content\\\/uploads\\\/2021\\\/01\\\/Complex-Selva-de-Mar-amb-solete-13.jpg&quot;},{&quot;src&quot;:&quot;https:\\\/\\\/www.garciafaura.com\\\/wp-content\\\/uploads\\\/2021\\\/01\\\/Complex-Selva-de-Mar-amb-solete-12.jpg&quot;},{&quot;src&quot;:&quot;https:\\\/\\\/www.garciafaura.com\\\/wp-content\\\/uploads\\\/2021\\\/01\\\/Complex-Selva-de-Mar-amb-solete-11.jpg&quot;},{&quot;src&quot;:&quot;https:\\\/\\\/www.garciafaura.com\\\/wp-content\\\/uploads\\\/2021\\\/01\\\/Complex-Selva-de-Mar-amb-solete-10.jpg&quot;},{&quot;src&quot;:&quot;https:\\\/\\\/www.garciafaura.com\\\/wp-content\\\/uploads\\\/2021\\\/01\\\/Complex-Selva-de-Mar-amb-solete-09.jpg&quot;},{&quot;src&quot;:&quot;https:\\\/\\\/www.garciafaura.com\\\/wp-content\\\/uploads\\\/2021\\\/01\\\/Complex-Selva-de-Mar-amb-solete-08.jpg&quot;},{&quot;src&quot;:&quot;https:\\\/\\\/www.garciafaura.com\\\/wp-content\\\/uploads\\\/2021\\\/01\\\/Complex-Selva-de-Mar-amb-solete-07.jpg&quot;},{&quot;src&quot;:&quot;https:\\\/\\\/www.garciafaura.com\\\/wp-content\\\/uploads\\\/2021\\\/01\\\/Complex-Selva-de-Mar-amb-solete-06.jpg&quot;},{&quot;src&quot;:&quot;https:\\\/\\\/www.garciafaura.com\\\/wp-content\\\/uploads\\\/2021\\\/01\\\/Complex-Selva-de-Mar-amb-solete-05.jpg&quot;},{&quot;src&quot;:&quot;https:\\\/\\\/www.garciafaura.com\\\/wp-content\\\/uploads\\\/2021\\\/01\\\/Complex-Selva-de-Mar-amb-solete-04.jpg&quot;},{&quot;src&quot;:&quot;https:\\\/\\\/www.garciafaura.com\\\/wp-content\\\/uploads\\\/2021\\\/01\\\/Complex-Selva-de-Mar-amb-solete-03.jpg&quot;},{&quot;src&quot;:&quot;https:\\\/\\\/www.garciafaura.com\\\/wp-content\\\/uploads\\\/2021\\\/01\\\/Complex-Selva-de-Mar-amb-solete-02.jpg&quot;}]\"><img loading=\"lazy\" decoding=\"async\" data-no-lazy=\"1\" class=\"portfolio-entry-img skip-lazy\" src=\"https:\/\/www.garciafaura.com\/wp-content\/uploads\/2021\/01\/Complex-Selva-de-Mar-amb-solete-01-600x314.jpg\" alt='' data-no-retina width=\"600\" height=\"314\" \/><\/a><\/div><div class=\"portfolio-entry-details entry-details wpex-clr\"><h2 class=\"portfolio-entry-title entry-title\"><a href=\"https:\/\/www.garciafaura.com\/fr\/portfolio-item\/complejo-selva-de-mar\/\" title=\"Complexe Selva de Mar\">Complexe Selva de Mar<\/a><\/h2><div class=\"portfolio-entry-categories entry-categories wpex-clr\"><a href=\"https:\/\/www.garciafaura.com\/fr\/portfolio-category\/batiments-corporatifs-remarquables\/\" class=\"term-102\">B\u00e2timents Corporatifs Remarquables<\/a><\/div><\/div><\/div><\/div><div class=\"portfolio-entry vcex-grid-item entry-has-details span_1_of_3 col col-3 vcex-isotope-entry vcex-no-margin-entry post-25353 entry type-portfolio has-media cat-69 translation_priority-5\"><div class=\"portfolio-entry-inner entry-inner wpex-clr\"><div class=\"portfolio-entry-media entry-media wpex-clr\"><a href=\"https:\/\/www.garciafaura.com\/wp-content\/uploads\/2020\/06\/Boehringer-Ingelheim-01.jpg\" title=\"Extension du si\u00e8ge de Boehringer Ingelheim\" class=\"portfolio-entry-media-link wpex-lightbox-gallery\" data-gallery=\"[{&quot;src&quot;:&quot;https:\\\/\\\/www.garciafaura.com\\\/wp-content\\\/uploads\\\/2020\\\/06\\\/Boehringer-Ingelheim-01.jpg&quot;},{&quot;src&quot;:&quot;https:\\\/\\\/www.garciafaura.com\\\/wp-content\\\/uploads\\\/2020\\\/06\\\/Boehringer-Ingelheim-10.jpg&quot;},{&quot;src&quot;:&quot;https:\\\/\\\/www.garciafaura.com\\\/wp-content\\\/uploads\\\/2020\\\/06\\\/Boehringer-Ingelheim-09.jpg&quot;},{&quot;src&quot;:&quot;https:\\\/\\\/www.garciafaura.com\\\/wp-content\\\/uploads\\\/2020\\\/06\\\/Boehringer-Ingelheim-08.jpg&quot;},{&quot;src&quot;:&quot;https:\\\/\\\/www.garciafaura.com\\\/wp-content\\\/uploads\\\/2020\\\/06\\\/Boehringer-Ingelheim-07.jpg&quot;},{&quot;src&quot;:&quot;https:\\\/\\\/www.garciafaura.com\\\/wp-content\\\/uploads\\\/2020\\\/06\\\/Boehringer-Ingelheim-06.jpg&quot;},{&quot;src&quot;:&quot;https:\\\/\\\/www.garciafaura.com\\\/wp-content\\\/uploads\\\/2020\\\/06\\\/Boehringer-Ingelheim-05.jpg&quot;},{&quot;src&quot;:&quot;https:\\\/\\\/www.garciafaura.com\\\/wp-content\\\/uploads\\\/2020\\\/06\\\/Boehringer-Ingelheim-04.jpg&quot;},{&quot;src&quot;:&quot;https:\\\/\\\/www.garciafaura.com\\\/wp-content\\\/uploads\\\/2020\\\/06\\\/Boehringer-Ingelheim-03.jpg&quot;},{&quot;src&quot;:&quot;https:\\\/\\\/www.garciafaura.com\\\/wp-content\\\/uploads\\\/2020\\\/06\\\/Boehringer-Ingelheim-02.jpg&quot;}]\"><img loading=\"lazy\" decoding=\"async\" data-no-lazy=\"1\" class=\"portfolio-entry-img skip-lazy\" src=\"https:\/\/www.garciafaura.com\/wp-content\/uploads\/2020\/06\/Boehringer-Ingelheim-01-600x314.jpg\" alt='' data-no-retina width=\"600\" height=\"314\" \/><\/a><\/div><div class=\"portfolio-entry-details entry-details wpex-clr\"><h2 class=\"portfolio-entry-title entry-title\"><a href=\"https:\/\/www.garciafaura.com\/fr\/portfolio-item\/ampliacio-de-la-seu-de-boehringer-ingelheim\/\" title=\"Extension du si\u00e8ge de Boehringer Ingelheim\">Extension du si\u00e8ge de Boehringer Ingelheim<\/a><\/h2><div class=\"portfolio-entry-categories entry-categories wpex-clr\"><a href=\"https:\/\/www.garciafaura.com\/fr\/portfolio-category\/batiments-corporatifs\/\" class=\"term-69\">B\u00e2timents Corporatifs<\/a><\/div><\/div><\/div><\/div><div class=\"portfolio-entry vcex-grid-item entry-has-details span_1_of_3 col col-1 vcex-isotope-entry vcex-no-margin-entry post-24705 entry type-portfolio has-media cat-69 cat-93 cat-95 cat-90 cat-101 translation_priority-5\"><div class=\"portfolio-entry-inner entry-inner wpex-clr\"><div class=\"portfolio-entry-media entry-media wpex-clr\"><a href=\"https:\/\/www.garciafaura.com\/wp-content\/uploads\/2020\/01\/Rehabilitacio-Oficines-Diagonal-525-12.jpg\" title=\"R\u00e9habilitation Bureaux Diagonal 525\" class=\"portfolio-entry-media-link wpex-lightbox-gallery\" data-gallery=\"[{&quot;src&quot;:&quot;https:\\\/\\\/www.garciafaura.com\\\/wp-content\\\/uploads\\\/2020\\\/01\\\/Rehabilitacio-Oficines-Diagonal-525-12.jpg&quot;},{&quot;src&quot;:&quot;https:\\\/\\\/www.garciafaura.com\\\/wp-content\\\/uploads\\\/2020\\\/01\\\/Rehabilitacio-Oficines-Diagonal-525-11.jpg&quot;},{&quot;src&quot;:&quot;https:\\\/\\\/www.garciafaura.com\\\/wp-content\\\/uploads\\\/2020\\\/01\\\/Rehabilitacio-Oficines-Diagonal-525-10.jpg&quot;},{&quot;src&quot;:&quot;https:\\\/\\\/www.garciafaura.com\\\/wp-content\\\/uploads\\\/2020\\\/01\\\/Rehabilitacio-Oficines-Diagonal-525-09.jpg&quot;},{&quot;src&quot;:&quot;https:\\\/\\\/www.garciafaura.com\\\/wp-content\\\/uploads\\\/2020\\\/01\\\/Rehabilitacio-Oficines-Diagonal-525-08.jpg&quot;},{&quot;src&quot;:&quot;https:\\\/\\\/www.garciafaura.com\\\/wp-content\\\/uploads\\\/2020\\\/01\\\/Rehabilitacio-Oficines-Diagonal-525-07.jpg&quot;},{&quot;src&quot;:&quot;https:\\\/\\\/www.garciafaura.com\\\/wp-content\\\/uploads\\\/2020\\\/01\\\/Rehabilitacio-Oficines-Diagonal-525-06.jpg&quot;},{&quot;src&quot;:&quot;https:\\\/\\\/www.garciafaura.com\\\/wp-content\\\/uploads\\\/2020\\\/01\\\/Rehabilitacio-Oficines-Diagonal-525-05.jpg&quot;},{&quot;src&quot;:&quot;https:\\\/\\\/www.garciafaura.com\\\/wp-content\\\/uploads\\\/2020\\\/01\\\/Rehabilitacio-Oficines-Diagonal-525-04.jpg&quot;},{&quot;src&quot;:&quot;https:\\\/\\\/www.garciafaura.com\\\/wp-content\\\/uploads\\\/2020\\\/01\\\/Rehabilitacio-Oficines-Diagonal-525-03.jpg&quot;},{&quot;src&quot;:&quot;https:\\\/\\\/www.garciafaura.com\\\/wp-content\\\/uploads\\\/2020\\\/01\\\/Rehabilitacio-Oficines-Diagonal-525-02.jpg&quot;},{&quot;src&quot;:&quot;https:\\\/\\\/www.garciafaura.com\\\/wp-content\\\/uploads\\\/2020\\\/01\\\/Rehabilitacio-Oficines-Diagonal-525-01.jpg&quot;}]\"><img loading=\"lazy\" decoding=\"async\" data-no-lazy=\"1\" class=\"portfolio-entry-img skip-lazy\" src=\"https:\/\/www.garciafaura.com\/wp-content\/uploads\/2020\/01\/Rehabilitacio-Oficines-Diagonal-525-12-600x314.jpg\" alt='' data-no-retina width=\"600\" height=\"314\" \/><\/a><\/div><div class=\"portfolio-entry-details entry-details wpex-clr\"><h2 class=\"portfolio-entry-title entry-title\"><a href=\"https:\/\/www.garciafaura.com\/fr\/portfolio-item\/bureaux-diagonal-525\/\" title=\"R\u00e9habilitation Bureaux Diagonal 525\">R\u00e9habilitation Bureaux Diagonal 525<\/a><\/h2><div class=\"portfolio-entry-categories entry-categories wpex-clr\"><a href=\"https:\/\/www.garciafaura.com\/fr\/portfolio-category\/facades-remarquables\/\" class=\"term-95\">Fa\u00e7ades Remarquables<\/a><\/div><\/div><\/div><\/div><div class=\"portfolio-entry vcex-grid-item entry-has-details span_1_of_3 col col-2 vcex-isotope-entry vcex-no-margin-entry post-23952 entry type-portfolio has-media cat-69 cat-97 cat-98 translation_priority-5\"><div class=\"portfolio-entry-inner entry-inner wpex-clr\"><div class=\"portfolio-entry-media entry-media wpex-clr\"><a href=\"https:\/\/www.garciafaura.com\/wp-content\/uploads\/2019\/10\/BancoSanpaolo1.jpg\" title=\"Banque San Paolo\" class=\"portfolio-entry-media-link wpex-lightbox-gallery\" data-gallery=\"[{&quot;src&quot;:&quot;https:\\\/\\\/www.garciafaura.com\\\/wp-content\\\/uploads\\\/2019\\\/10\\\/BancoSanpaolo1.jpg&quot;},{&quot;src&quot;:&quot;https:\\\/\\\/www.garciafaura.com\\\/wp-content\\\/uploads\\\/2019\\\/10\\\/BancoSanpaolo3.jpg&quot;},{&quot;src&quot;:&quot;https:\\\/\\\/www.garciafaura.com\\\/wp-content\\\/uploads\\\/2019\\\/10\\\/BancoSanpaolo2.jpg&quot;}]\"><img loading=\"lazy\" decoding=\"async\" data-no-lazy=\"1\" class=\"portfolio-entry-img skip-lazy\" src=\"https:\/\/www.garciafaura.com\/wp-content\/uploads\/2019\/10\/BancoSanpaolo1-600x314.jpg\" alt='' data-no-retina width=\"600\" height=\"314\" \/><\/a><\/div><div class=\"portfolio-entry-details entry-details wpex-clr\"><h2 class=\"portfolio-entry-title entry-title\"><a href=\"https:\/\/www.garciafaura.com\/fr\/portfolio-item\/banco-san-paolo\/\" title=\"Banque San Paolo\">Banque San Paolo<\/a><\/h2><div class=\"portfolio-entry-categories entry-categories wpex-clr\"><a href=\"https:\/\/www.garciafaura.com\/fr\/portfolio-category\/batiments-corporatifs\/\" class=\"term-69\">B\u00e2timents Corporatifs<\/a><\/div><\/div><\/div><\/div><div class=\"portfolio-entry vcex-grid-item entry-has-details span_1_of_3 col col-3 vcex-isotope-entry vcex-no-margin-entry post-23924 entry type-portfolio has-media cat-69 cat-97 cat-98 translation_priority-5\"><div class=\"portfolio-entry-inner entry-inner wpex-clr\"><div class=\"portfolio-entry-media entry-media wpex-clr\"><a href=\"https:\/\/www.garciafaura.com\/wp-content\/uploads\/2019\/10\/N8A_photo_02.jpg\" title=\"Projet N8A Paris\" class=\"portfolio-entry-media-link wpex-lightbox\"><img loading=\"lazy\" decoding=\"async\" data-no-lazy=\"1\" class=\"portfolio-entry-img skip-lazy\" src=\"https:\/\/www.garciafaura.com\/wp-content\/uploads\/2019\/10\/N8A_photo_02-600x314.jpg\" alt='' data-no-retina width=\"600\" height=\"314\" \/><\/a><\/div><div class=\"portfolio-entry-details entry-details wpex-clr\"><h2 class=\"portfolio-entry-title entry-title\"><a href=\"https:\/\/www.garciafaura.com\/fr\/portfolio-item\/projet-n8a-paris\/\" title=\"Projet N8A Paris\">Projet N8A Paris<\/a><\/h2><div class=\"portfolio-entry-categories entry-categories wpex-clr\"><a href=\"https:\/\/www.garciafaura.com\/fr\/portfolio-category\/batiments-corporatifs\/\" class=\"term-69\">B\u00e2timents Corporatifs<\/a><\/div><\/div><\/div><\/div><div class=\"portfolio-entry vcex-grid-item entry-has-details span_1_of_3 col col-1 vcex-isotope-entry vcex-no-margin-entry post-23209 entry type-portfolio has-media cat-69 cat-102 cat-93 cat-95 translation_priority-5\"><div class=\"portfolio-entry-inner entry-inner wpex-clr\"><div class=\"portfolio-entry-media entry-media wpex-clr\"><a href=\"https:\/\/www.garciafaura.com\/wp-content\/uploads\/2019\/09\/Ampliacio\u0301-Oficines-Plac\u0327a-Europa-01.jpg\" title=\"Elargissement Bureaux Place Europa\" class=\"portfolio-entry-media-link wpex-lightbox-gallery\" data-gallery=\"[{&quot;src&quot;:&quot;https:\\\/\\\/www.garciafaura.com\\\/wp-content\\\/uploads\\\/2019\\\/09\\\/Ampliacio\\u0301-Oficines-Plac\\u0327a-Europa-01.jpg&quot;},{&quot;src&quot;:&quot;https:\\\/\\\/www.garciafaura.com\\\/wp-content\\\/uploads\\\/2019\\\/09\\\/Ampliacio\\u0301-Oficines-Plac\\u0327a-Europa-15.jpg&quot;},{&quot;src&quot;:&quot;https:\\\/\\\/www.garciafaura.com\\\/wp-content\\\/uploads\\\/2019\\\/09\\\/Ampliacio\\u0301-Oficines-Plac\\u0327a-Europa-14.jpg&quot;},{&quot;src&quot;:&quot;https:\\\/\\\/www.garciafaura.com\\\/wp-content\\\/uploads\\\/2019\\\/09\\\/Ampliacio\\u0301-Oficines-Plac\\u0327a-Europa-13.jpg&quot;},{&quot;src&quot;:&quot;https:\\\/\\\/www.garciafaura.com\\\/wp-content\\\/uploads\\\/2019\\\/09\\\/Ampliacio\\u0301-Oficines-Plac\\u0327a-Europa-12.jpg&quot;},{&quot;src&quot;:&quot;https:\\\/\\\/www.garciafaura.com\\\/wp-content\\\/uploads\\\/2019\\\/09\\\/Ampliacio\\u0301-Oficines-Plac\\u0327a-Europa-11.jpg&quot;},{&quot;src&quot;:&quot;https:\\\/\\\/www.garciafaura.com\\\/wp-content\\\/uploads\\\/2019\\\/09\\\/Ampliacio\\u0301-Oficines-Plac\\u0327a-Europa-10.jpg&quot;},{&quot;src&quot;:&quot;https:\\\/\\\/www.garciafaura.com\\\/wp-content\\\/uploads\\\/2019\\\/09\\\/Ampliacio\\u0301-Oficines-Plac\\u0327a-Europa-09.jpg&quot;},{&quot;src&quot;:&quot;https:\\\/\\\/www.garciafaura.com\\\/wp-content\\\/uploads\\\/2019\\\/09\\\/Ampliacio\\u0301-Oficines-Plac\\u0327a-Europa-08.jpg&quot;},{&quot;src&quot;:&quot;https:\\\/\\\/www.garciafaura.com\\\/wp-content\\\/uploads\\\/2019\\\/09\\\/Ampliacio\\u0301-Oficines-Plac\\u0327a-Europa-07.jpg&quot;},{&quot;src&quot;:&quot;https:\\\/\\\/www.garciafaura.com\\\/wp-content\\\/uploads\\\/2019\\\/09\\\/Ampliacio\\u0301-Oficines-Plac\\u0327a-Europa-06.jpg&quot;},{&quot;src&quot;:&quot;https:\\\/\\\/www.garciafaura.com\\\/wp-content\\\/uploads\\\/2019\\\/09\\\/Ampliacio\\u0301-Oficines-Plac\\u0327a-Europa-05.jpg&quot;},{&quot;src&quot;:&quot;https:\\\/\\\/www.garciafaura.com\\\/wp-content\\\/uploads\\\/2019\\\/09\\\/Ampliacio\\u0301-Oficines-Plac\\u0327a-Europa-04.jpg&quot;},{&quot;src&quot;:&quot;https:\\\/\\\/www.garciafaura.com\\\/wp-content\\\/uploads\\\/2019\\\/09\\\/Ampliacio\\u0301-Oficines-Plac\\u0327a-Europa-03.jpg&quot;},{&quot;src&quot;:&quot;https:\\\/\\\/www.garciafaura.com\\\/wp-content\\\/uploads\\\/2019\\\/09\\\/Ampliacio\\u0301-Oficines-Plac\\u0327a-Europa-02.jpg&quot;}]\"><img loading=\"lazy\" decoding=\"async\" data-no-lazy=\"1\" class=\"portfolio-entry-img skip-lazy\" src=\"https:\/\/www.garciafaura.com\/wp-content\/uploads\/2019\/09\/Ampliacio\u0301-Oficines-Plac\u0327a-Europa-01-600x314.jpg\" alt='' data-no-retina width=\"600\" height=\"314\" \/><\/a><\/div><div class=\"portfolio-entry-details entry-details wpex-clr\"><h2 class=\"portfolio-entry-title entry-title\"><a href=\"https:\/\/www.garciafaura.com\/fr\/portfolio-item\/elargissement-bureaux-placa-europa\/\" title=\"Elargissement Bureaux Place Europa\">Elargissement Bureaux Place Europa<\/a><\/h2><div class=\"portfolio-entry-categories entry-categories wpex-clr\"><a href=\"https:\/\/www.garciafaura.com\/fr\/portfolio-category\/batiments-corporatifs-remarquables\/\" class=\"term-102\">B\u00e2timents Corporatifs Remarquables<\/a><\/div><\/div><\/div><\/div><div class=\"portfolio-entry vcex-grid-item entry-has-details span_1_of_3 col col-2 vcex-isotope-entry vcex-no-margin-entry post-22774 entry type-portfolio has-media cat-69 cat-93 cat-90 translation_priority-5\"><div class=\"portfolio-entry-inner entry-inner wpex-clr\"><div class=\"portfolio-entry-media entry-media wpex-clr\"><a href=\"https:\/\/www.garciafaura.com\/wp-content\/uploads\/2019\/07\/IMG_2838.jpg\" title=\"R\u00e9habilitation de la Tour Mapfre\" class=\"portfolio-entry-media-link wpex-lightbox-gallery\" data-gallery=\"[{&quot;src&quot;:&quot;https:\\\/\\\/www.garciafaura.com\\\/wp-content\\\/uploads\\\/2019\\\/07\\\/IMG_2838.jpg&quot;},{&quot;src&quot;:&quot;https:\\\/\\\/www.garciafaura.com\\\/wp-content\\\/uploads\\\/2019\\\/07\\\/IMG_2826.jpg&quot;},{&quot;src&quot;:&quot;https:\\\/\\\/www.garciafaura.com\\\/wp-content\\\/uploads\\\/2019\\\/07\\\/IMG_2855.jpg&quot;},{&quot;src&quot;:&quot;https:\\\/\\\/www.garciafaura.com\\\/wp-content\\\/uploads\\\/2019\\\/07\\\/IMG_2853.jpg&quot;},{&quot;src&quot;:&quot;https:\\\/\\\/www.garciafaura.com\\\/wp-content\\\/uploads\\\/2019\\\/07\\\/IMG_2848.jpg&quot;},{&quot;src&quot;:&quot;https:\\\/\\\/www.garciafaura.com\\\/wp-content\\\/uploads\\\/2019\\\/07\\\/IMG_2846.jpg&quot;},{&quot;src&quot;:&quot;https:\\\/\\\/www.garciafaura.com\\\/wp-content\\\/uploads\\\/2019\\\/07\\\/IMG_2845.jpg&quot;},{&quot;src&quot;:&quot;https:\\\/\\\/www.garciafaura.com\\\/wp-content\\\/uploads\\\/2019\\\/07\\\/IMG_2843.jpg&quot;},{&quot;src&quot;:&quot;https:\\\/\\\/www.garciafaura.com\\\/wp-content\\\/uploads\\\/2019\\\/07\\\/IMG_2842.jpg&quot;},{&quot;src&quot;:&quot;https:\\\/\\\/www.garciafaura.com\\\/wp-content\\\/uploads\\\/2019\\\/07\\\/IMG_2839.jpg&quot;},{&quot;src&quot;:&quot;https:\\\/\\\/www.garciafaura.com\\\/wp-content\\\/uploads\\\/2019\\\/07\\\/IMG_2833.jpg&quot;}]\"><img loading=\"lazy\" decoding=\"async\" data-no-lazy=\"1\" class=\"portfolio-entry-img skip-lazy\" src=\"https:\/\/www.garciafaura.com\/wp-content\/uploads\/2019\/07\/IMG_2838-600x314.jpg\" alt='' data-no-retina width=\"600\" height=\"314\" \/><\/a><\/div><div class=\"portfolio-entry-details entry-details wpex-clr\"><h2 class=\"portfolio-entry-title entry-title\"><a href=\"https:\/\/www.garciafaura.com\/fr\/portfolio-item\/rehabilitation-de-la-tour-mapfre\/\" title=\"R\u00e9habilitation de la Tour Mapfre\">R\u00e9habilitation de la Tour Mapfre<\/a><\/h2><div class=\"portfolio-entry-categories entry-categories wpex-clr\"><a href=\"https:\/\/www.garciafaura.com\/fr\/portfolio-category\/batiments-corporatifs\/\" class=\"term-69\">B\u00e2timents Corporatifs<\/a><\/div><\/div><\/div><\/div><div class=\"portfolio-entry vcex-grid-item entry-has-details span_1_of_3 col col-3 vcex-isotope-entry vcex-no-margin-entry post-21902 entry type-portfolio has-media cat-69 cat-93 cat-90 cat-101 translation_priority-5\"><div class=\"portfolio-entry-inner entry-inner wpex-clr\"><div class=\"portfolio-entry-media entry-media wpex-clr\"><a href=\"https:\/\/www.garciafaura.com\/wp-content\/uploads\/2018\/10\/Rehabilitacio-Fac\u0327ana-Agbar-Collblanc-04.jpg\" title=\"Restauration b\u00e2timent Aig\u00fces de Barcelona\" class=\"portfolio-entry-media-link wpex-lightbox-gallery\" data-gallery=\"[{&quot;src&quot;:&quot;https:\\\/\\\/www.garciafaura.com\\\/wp-content\\\/uploads\\\/2018\\\/10\\\/Rehabilitacio-Fac\\u0327ana-Agbar-Collblanc-06.jpg&quot;,&quot;title&quot;:&quot;Restauration de la fa\\u00e7ade pour augmenter l&#039;efficacit\\u00e9 \\u00e9nerg\\u00e9tique du b\\u00e2timent.&quot;},{&quot;src&quot;:&quot;https:\\\/\\\/www.garciafaura.com\\\/wp-content\\\/uploads\\\/2018\\\/10\\\/Rehabilitacio-Fac\\u0327ana-Agbar-Collblanc-05.jpg&quot;,&quot;title&quot;:&quot;Restauration de la fa\\u00e7ade pour augmenter l&#039;efficacit\\u00e9 \\u00e9nerg\\u00e9tique du b\\u00e2timent.&quot;},{&quot;src&quot;:&quot;https:\\\/\\\/www.garciafaura.com\\\/wp-content\\\/uploads\\\/2018\\\/10\\\/Rehabilitacio-Fac\\u0327ana-Agbar-Collblanc-04.jpg&quot;,&quot;title&quot;:&quot;Restauration de la fa\\u00e7ade pour augmenter l&#039;efficacit\\u00e9 \\u00e9nerg\\u00e9tique du b\\u00e2timent.&quot;},{&quot;src&quot;:&quot;https:\\\/\\\/www.garciafaura.com\\\/wp-content\\\/uploads\\\/2018\\\/10\\\/Rehabilitacio-Fac\\u0327ana-Agbar-Collblanc-03.jpg&quot;,&quot;title&quot;:&quot;Restauration de la fa\\u00e7ade pour augmenter l&#039;efficacit\\u00e9 \\u00e9nerg\\u00e9tique du b\\u00e2timent.&quot;},{&quot;src&quot;:&quot;https:\\\/\\\/www.garciafaura.com\\\/wp-content\\\/uploads\\\/2018\\\/10\\\/Rehabilitacio-Fac\\u0327ana-Agbar-Collblanc-02.jpg&quot;,&quot;title&quot;:&quot;Restauration de la fa\\u00e7ade pour augmenter l&#039;efficacit\\u00e9 \\u00e9nerg\\u00e9tique du b\\u00e2timent.&quot;},{&quot;src&quot;:&quot;https:\\\/\\\/www.garciafaura.com\\\/wp-content\\\/uploads\\\/2018\\\/10\\\/Rehabilitacio-Fac\\u0327ana-Agbar-Collblanc-01.jpg&quot;,&quot;title&quot;:&quot;Restauration de la fa\\u00e7ade pour augmenter l&#039;efficacit\\u00e9 \\u00e9nerg\\u00e9tique du b\\u00e2timent.&quot;},{&quot;src&quot;:&quot;https:\\\/\\\/www.garciafaura.com\\\/wp-content\\\/uploads\\\/2018\\\/10\\\/Rehabilitacio-Fac\\u0327ana-Agbar-Collblanc-07.jpg&quot;,&quot;title&quot;:&quot;Restauration de la fa\\u00e7ade pour augmenter l&#039;efficacit\\u00e9 \\u00e9nerg\\u00e9tique du b\\u00e2timent.&quot;}]\"><img loading=\"lazy\" decoding=\"async\" data-no-lazy=\"1\" class=\"portfolio-entry-img skip-lazy\" src=\"https:\/\/www.garciafaura.com\/wp-content\/uploads\/2018\/10\/Rehabilitacio-Fac\u0327ana-Agbar-Collblanc-04-600x314.jpg\" alt=\"Restauration De La Fa\u00e7ade Pour Augmenter L'efficacit\u00e9 \u00e9nerg\u00e9tique Du B\u00e2timent.\" data-no-retina width=\"600\" height=\"314\" \/><\/a><\/div><div class=\"portfolio-entry-details entry-details wpex-clr\"><h2 class=\"portfolio-entry-title entry-title\"><a href=\"https:\/\/www.garciafaura.com\/fr\/portfolio-item\/rehabilitacio-edifici-aigues-de-barcelona\/\" title=\"Restauration b\u00e2timent Aig\u00fces de Barcelona\">Restauration b\u00e2timent Aig\u00fces de Barcelona<\/a><\/h2><div class=\"portfolio-entry-categories entry-categories wpex-clr\"><a href=\"https:\/\/www.garciafaura.com\/fr\/portfolio-category\/batiments-corporatifs\/\" class=\"term-69\">B\u00e2timents Corporatifs<\/a><\/div><\/div><\/div><\/div><div class=\"portfolio-entry vcex-grid-item entry-has-details span_1_of_3 col col-1 vcex-isotope-entry vcex-no-margin-entry post-21497 entry type-portfolio has-media cat-69 cat-102 cat-93 translation_priority-5\"><div class=\"portfolio-entry-inner entry-inner wpex-clr\"><div class=\"portfolio-entry-media entry-media wpex-clr\"><a href=\"https:\/\/www.garciafaura.com\/wp-content\/uploads\/2019\/04\/Oficines-Sancho-de-A\u0301vila-65-03.jpg\" title=\"Bureaux Sancho de \u00c1vila 65\" class=\"portfolio-entry-media-link wpex-lightbox-gallery\" data-gallery=\"[{&quot;src&quot;:&quot;https:\\\/\\\/www.garciafaura.com\\\/wp-content\\\/uploads\\\/2019\\\/04\\\/Oficines-Sancho-de-A\\u0301vila-65-03.jpg&quot;},{&quot;src&quot;:&quot;https:\\\/\\\/www.garciafaura.com\\\/wp-content\\\/uploads\\\/2019\\\/04\\\/Oficines-Sancho-de-A\\u0301vila-65-01.jpg&quot;},{&quot;src&quot;:&quot;https:\\\/\\\/www.garciafaura.com\\\/wp-content\\\/uploads\\\/2019\\\/04\\\/Oficines-Sancho-de-A\\u0301vila-65-11.jpg&quot;},{&quot;src&quot;:&quot;https:\\\/\\\/www.garciafaura.com\\\/wp-content\\\/uploads\\\/2019\\\/04\\\/Oficines-Sancho-de-A\\u0301vila-65-10.jpg&quot;},{&quot;src&quot;:&quot;https:\\\/\\\/www.garciafaura.com\\\/wp-content\\\/uploads\\\/2019\\\/04\\\/Oficines-Sancho-de-A\\u0301vila-65-09.jpg&quot;},{&quot;src&quot;:&quot;https:\\\/\\\/www.garciafaura.com\\\/wp-content\\\/uploads\\\/2019\\\/04\\\/Oficines-Sancho-de-A\\u0301vila-65-08.jpg&quot;},{&quot;src&quot;:&quot;https:\\\/\\\/www.garciafaura.com\\\/wp-content\\\/uploads\\\/2019\\\/04\\\/Oficines-Sancho-de-A\\u0301vila-65-07.jpg&quot;},{&quot;src&quot;:&quot;https:\\\/\\\/www.garciafaura.com\\\/wp-content\\\/uploads\\\/2019\\\/04\\\/Oficines-Sancho-de-A\\u0301vila-65-06.jpg&quot;},{&quot;src&quot;:&quot;https:\\\/\\\/www.garciafaura.com\\\/wp-content\\\/uploads\\\/2019\\\/04\\\/Oficines-Sancho-de-A\\u0301vila-65-05.jpg&quot;},{&quot;src&quot;:&quot;https:\\\/\\\/www.garciafaura.com\\\/wp-content\\\/uploads\\\/2019\\\/04\\\/Oficines-Sancho-de-A\\u0301vila-65-04.jpg&quot;},{&quot;src&quot;:&quot;https:\\\/\\\/www.garciafaura.com\\\/wp-content\\\/uploads\\\/2019\\\/04\\\/Oficines-Sancho-de-A\\u0301vila-65-02.jpg&quot;}]\"><img loading=\"lazy\" decoding=\"async\" data-no-lazy=\"1\" class=\"portfolio-entry-img skip-lazy\" src=\"https:\/\/www.garciafaura.com\/wp-content\/uploads\/2019\/04\/Oficines-Sancho-de-A\u0301vila-65-03-600x314.jpg\" alt='' data-no-retina width=\"600\" height=\"314\" \/><\/a><\/div><div class=\"portfolio-entry-details entry-details wpex-clr\"><h2 class=\"portfolio-entry-title entry-title\"><a href=\"https:\/\/www.garciafaura.com\/fr\/portfolio-item\/bureaux-sancho-de-avila-65\/\" title=\"Bureaux Sancho de \u00c1vila 65\">Bureaux Sancho de \u00c1vila 65<\/a><\/h2><div class=\"portfolio-entry-categories entry-categories wpex-clr\"><a href=\"https:\/\/www.garciafaura.com\/fr\/portfolio-category\/batiments-corporatifs-remarquables\/\" class=\"term-102\">B\u00e2timents Corporatifs Remarquables<\/a><\/div><\/div><\/div><\/div><div class=\"portfolio-entry vcex-grid-item entry-has-details span_1_of_3 col col-2 vcex-isotope-entry vcex-no-margin-entry post-20732 entry type-portfolio has-media cat-69 cat-102 cat-93 cat-95 cat-90 cat-101 translation_priority-5\"><div class=\"portfolio-entry-inner entry-inner wpex-clr\"><div class=\"portfolio-entry-media entry-media wpex-clr\"><a href=\"https:\/\/www.garciafaura.com\/wp-content\/uploads\/2018\/10\/Oficines-Balmes-04.jpg\" title=\"Bureaux Balmes\" class=\"portfolio-entry-media-link wpex-lightbox-gallery\" data-gallery=\"[{&quot;src&quot;:&quot;https:\\\/\\\/www.garciafaura.com\\\/wp-content\\\/uploads\\\/2018\\\/10\\\/Oficines-Balmes-04.jpg&quot;,&quot;title&quot;:&quot;Fa\\u00e7ade de mur-rideau avec profil\\u00e9s m\\u00e9talliques et modules en aluminium et verre de forme cubique&quot;},{&quot;src&quot;:&quot;https:\\\/\\\/www.garciafaura.com\\\/wp-content\\\/uploads\\\/2018\\\/10\\\/Oficines-Balmes-10.jpg&quot;,&quot;title&quot;:&quot;Fa\\u00e7ana de mur cortina de perfils met\\u00e0l\\u00b7lics i m\\u00f2duls d\\u2019alumini i vidre de forma c\\u00fabica&quot;},{&quot;src&quot;:&quot;https:\\\/\\\/www.garciafaura.com\\\/wp-content\\\/uploads\\\/2018\\\/10\\\/Oficines-Balmes-09.jpg&quot;,&quot;title&quot;:&quot;Fa\\u00e7ana de mur cortina de perfils met\\u00e0l\\u00b7lics i m\\u00f2duls d\\u2019alumini i vidre de forma c\\u00fabica&quot;},{&quot;src&quot;:&quot;https:\\\/\\\/www.garciafaura.com\\\/wp-content\\\/uploads\\\/2018\\\/10\\\/Oficines-Balmes-08.jpg&quot;,&quot;title&quot;:&quot;Fa\\u00e7ana de mur cortina de perfils met\\u00e0l\\u00b7lics i m\\u00f2duls d\\u2019alumini i vidre de forma c\\u00fabica&quot;},{&quot;src&quot;:&quot;https:\\\/\\\/www.garciafaura.com\\\/wp-content\\\/uploads\\\/2018\\\/10\\\/Oficines-Balmes-07.jpg&quot;,&quot;title&quot;:&quot;Fa\\u00e7ana de mur cortina de perfils met\\u00e0l\\u00b7lics i m\\u00f2duls d\\u2019alumini i vidre de forma c\\u00fabica&quot;},{&quot;src&quot;:&quot;https:\\\/\\\/www.garciafaura.com\\\/wp-content\\\/uploads\\\/2018\\\/10\\\/Oficines-Balmes-06.jpg&quot;,&quot;title&quot;:&quot;Fa\\u00e7ana de mur cortina de perfils met\\u00e0l\\u00b7lics i m\\u00f2duls d\\u2019alumini i vidre de forma c\\u00fabica&quot;},{&quot;src&quot;:&quot;https:\\\/\\\/www.garciafaura.com\\\/wp-content\\\/uploads\\\/2018\\\/10\\\/Oficines-Balmes-05.jpg&quot;,&quot;title&quot;:&quot;Fa\\u00e7ana de mur cortina de perfils met\\u00e0l\\u00b7lics i m\\u00f2duls d\\u2019alumini i vidre de forma c\\u00fabica&quot;},{&quot;src&quot;:&quot;https:\\\/\\\/www.garciafaura.com\\\/wp-content\\\/uploads\\\/2018\\\/10\\\/Oficines-Balmes-01.jpg&quot;,&quot;title&quot;:&quot;Fa\\u00e7ana de mur cortina de perfils met\\u00e0l\\u00b7lics i m\\u00f2duls d\\u2019alumini i vidre de forma c\\u00fabica&quot;},{&quot;src&quot;:&quot;https:\\\/\\\/www.garciafaura.com\\\/wp-content\\\/uploads\\\/2018\\\/10\\\/Oficines-Balmes-02.jpg&quot;,&quot;title&quot;:&quot;Fa\\u00e7ana de mur cortina de perfils met\\u00e0l\\u00b7lics i m\\u00f2duls d\\u2019alumini i vidre de forma c\\u00fabica&quot;},{&quot;src&quot;:&quot;https:\\\/\\\/www.garciafaura.com\\\/wp-content\\\/uploads\\\/2018\\\/10\\\/Oficines-Balmes-03.jpg&quot;,&quot;title&quot;:&quot;Fa\\u00e7ana de mur cortina de perfils met\\u00e0l\\u00b7lics i m\\u00f2duls d\\u2019alumini i vidre de forma c\\u00fabica&quot;}]\"><img loading=\"lazy\" decoding=\"async\" data-no-lazy=\"1\" class=\"portfolio-entry-img skip-lazy\" src=\"https:\/\/www.garciafaura.com\/wp-content\/uploads\/2018\/10\/Oficines-Balmes-04-600x314.jpg\" alt=\"Fa\u00e7ade De Mur-rideau Avec Profil\u00e9s M\u00e9talliques Et Modules En Aluminium Et Verre De Forme Cubique\" data-no-retina width=\"600\" height=\"314\" \/><\/a><\/div><div class=\"portfolio-entry-details entry-details wpex-clr\"><h2 class=\"portfolio-entry-title entry-title\"><a href=\"https:\/\/www.garciafaura.com\/fr\/portfolio-item\/bureaux-balmes\/\" title=\"Bureaux Balmes\">Bureaux Balmes<\/a><\/h2><div class=\"portfolio-entry-categories entry-categories wpex-clr\"><a href=\"https:\/\/www.garciafaura.com\/fr\/portfolio-category\/batiments-corporatifs\/\" class=\"term-69\">B\u00e2timents Corporatifs<\/a><\/div><\/div><\/div><\/div><div class=\"portfolio-entry vcex-grid-item entry-has-details span_1_of_3 col col-3 vcex-isotope-entry vcex-no-margin-entry post-20730 entry type-portfolio has-media cat-69 cat-102 cat-93 cat-95 cat-90 cat-101 translation_priority-5\"><div class=\"portfolio-entry-inner entry-inner wpex-clr\"><div class=\"portfolio-entry-media entry-media wpex-clr\"><a href=\"https:\/\/www.garciafaura.com\/wp-content\/uploads\/2018\/10\/Concessionari-Renault-Esplugues-07.jpg\" title=\"Concessionnaire Renault Dacia\" class=\"portfolio-entry-media-link wpex-lightbox-gallery\" data-gallery=\"[{&quot;src&quot;:&quot;https:\\\/\\\/www.garciafaura.com\\\/wp-content\\\/uploads\\\/2018\\\/10\\\/Concessionari-Renault-Esplugues-01.jpg&quot;,&quot;title&quot;:&quot;Nova fa\\u00e7ana d&#039;alumini perforat i mur cortina&quot;},{&quot;src&quot;:&quot;https:\\\/\\\/www.garciafaura.com\\\/wp-content\\\/uploads\\\/2018\\\/10\\\/Concessionari-Renault-Esplugues-18.jpg&quot;,&quot;title&quot;:&quot;Nova fa\\u00e7ana d&#039;alumini perforat i mur cortina&quot;},{&quot;src&quot;:&quot;https:\\\/\\\/www.garciafaura.com\\\/wp-content\\\/uploads\\\/2018\\\/10\\\/Concessionari-Renault-Esplugues-17.jpg&quot;,&quot;title&quot;:&quot;Nova fa\\u00e7ana d&#039;alumini perforat i mur cortina&quot;},{&quot;src&quot;:&quot;https:\\\/\\\/www.garciafaura.com\\\/wp-content\\\/uploads\\\/2018\\\/10\\\/Concessionari-Renault-Esplugues-16.jpg&quot;,&quot;title&quot;:&quot;Nova fa\\u00e7ana d&#039;alumini perforat i mur cortina&quot;},{&quot;src&quot;:&quot;https:\\\/\\\/www.garciafaura.com\\\/wp-content\\\/uploads\\\/2018\\\/10\\\/Concessionari-Renault-Esplugues-15.jpg&quot;,&quot;title&quot;:&quot;Nova fa\\u00e7ana d&#039;alumini perforat i mur cortina&quot;},{&quot;src&quot;:&quot;https:\\\/\\\/www.garciafaura.com\\\/wp-content\\\/uploads\\\/2018\\\/10\\\/Concessionari-Renault-Esplugues-14.jpg&quot;,&quot;title&quot;:&quot;Nova fa\\u00e7ana d&#039;alumini perforat i mur cortina&quot;},{&quot;src&quot;:&quot;https:\\\/\\\/www.garciafaura.com\\\/wp-content\\\/uploads\\\/2018\\\/10\\\/Concessionari-Renault-Esplugues-13.jpg&quot;,&quot;title&quot;:&quot;Nova fa\\u00e7ana d&#039;alumini perforat i mur cortina&quot;},{&quot;src&quot;:&quot;https:\\\/\\\/www.garciafaura.com\\\/wp-content\\\/uploads\\\/2018\\\/10\\\/Concessionari-Renault-Esplugues-12.jpg&quot;,&quot;title&quot;:&quot;Nova fa\\u00e7ana d&#039;alumini perforat i mur cortina&quot;},{&quot;src&quot;:&quot;https:\\\/\\\/www.garciafaura.com\\\/wp-content\\\/uploads\\\/2018\\\/10\\\/Concessionari-Renault-Esplugues-11.jpg&quot;,&quot;title&quot;:&quot;Nova fa\\u00e7ana d&#039;alumini perforat i mur cortina&quot;},{&quot;src&quot;:&quot;https:\\\/\\\/www.garciafaura.com\\\/wp-content\\\/uploads\\\/2018\\\/10\\\/Concessionari-Renault-Esplugues-10.jpg&quot;,&quot;title&quot;:&quot;Nova fa\\u00e7ana d&#039;alumini perforat i mur cortina&quot;},{&quot;src&quot;:&quot;https:\\\/\\\/www.garciafaura.com\\\/wp-content\\\/uploads\\\/2018\\\/10\\\/Concessionari-Renault-Esplugues-09.jpg&quot;,&quot;title&quot;:&quot;Nova fa\\u00e7ana d&#039;alumini perforat i mur cortina&quot;},{&quot;src&quot;:&quot;https:\\\/\\\/www.garciafaura.com\\\/wp-content\\\/uploads\\\/2018\\\/10\\\/Concessionari-Renault-Esplugues-08.jpg&quot;,&quot;title&quot;:&quot;Nova fa\\u00e7ana d&#039;alumini perforat i mur cortina&quot;},{&quot;src&quot;:&quot;https:\\\/\\\/www.garciafaura.com\\\/wp-content\\\/uploads\\\/2018\\\/10\\\/Concessionari-Renault-Esplugues-07.jpg&quot;,&quot;title&quot;:&quot;Nouvelle fa\\u00e7ade en aluminium perfor\\u00e9 et mur-rideau&quot;},{&quot;src&quot;:&quot;https:\\\/\\\/www.garciafaura.com\\\/wp-content\\\/uploads\\\/2018\\\/10\\\/Concessionari-Renault-Esplugues-06.jpg&quot;,&quot;title&quot;:&quot;Nova fa\\u00e7ana d&#039;alumini perforat i mur cortina&quot;},{&quot;src&quot;:&quot;https:\\\/\\\/www.garciafaura.com\\\/wp-content\\\/uploads\\\/2018\\\/10\\\/Concessionari-Renault-Esplugues-05.jpg&quot;,&quot;title&quot;:&quot;Nova fa\\u00e7ana d&#039;alumini perforat i mur cortina&quot;},{&quot;src&quot;:&quot;https:\\\/\\\/www.garciafaura.com\\\/wp-content\\\/uploads\\\/2018\\\/10\\\/Concessionari-Renault-Esplugues-04.jpg&quot;,&quot;title&quot;:&quot;Nova fa\\u00e7ana d&#039;alumini perforat i mur cortina&quot;},{&quot;src&quot;:&quot;https:\\\/\\\/www.garciafaura.com\\\/wp-content\\\/uploads\\\/2018\\\/10\\\/Concessionari-Renault-Esplugues-03.jpg&quot;,&quot;title&quot;:&quot;Nova fa\\u00e7ana d&#039;alumini perforat i mur cortina&quot;},{&quot;src&quot;:&quot;https:\\\/\\\/www.garciafaura.com\\\/wp-content\\\/uploads\\\/2018\\\/10\\\/Concessionari-Renault-Esplugues-02.jpg&quot;,&quot;title&quot;:&quot;Nova fa\\u00e7ana d&#039;alumini perforat i mur cortina&quot;}]\"><img loading=\"lazy\" decoding=\"async\" data-no-lazy=\"1\" class=\"portfolio-entry-img skip-lazy\" src=\"https:\/\/www.garciafaura.com\/wp-content\/uploads\/2018\/10\/Concessionari-Renault-Esplugues-07-600x314.jpg\" alt=\"Nouvelle Fa\u00e7ade En Aluminium Perfor\u00e9 Et Mur-rideau\" data-no-retina width=\"600\" height=\"314\" \/><\/a><\/div><div class=\"portfolio-entry-details entry-details wpex-clr\"><h2 class=\"portfolio-entry-title entry-title\"><a href=\"https:\/\/www.garciafaura.com\/fr\/portfolio-item\/concessionnaire-renault-dacia\/\" title=\"Concessionnaire Renault Dacia\">Concessionnaire Renault Dacia<\/a><\/h2><div class=\"portfolio-entry-categories entry-categories wpex-clr\"><a href=\"https:\/\/www.garciafaura.com\/fr\/portfolio-category\/batiments-corporatifs\/\" class=\"term-69\">B\u00e2timents Corporatifs<\/a><\/div><\/div><\/div><\/div><div class=\"portfolio-entry vcex-grid-item entry-has-details span_1_of_3 col col-1 vcex-isotope-entry vcex-no-margin-entry post-20720 entry type-portfolio has-media cat-69 cat-102 cat-93 cat-95 translation_priority-5\"><div class=\"portfolio-entry-inner entry-inner wpex-clr\"><div class=\"portfolio-entry-media entry-media wpex-clr\"><a href=\"https:\/\/www.garciafaura.com\/wp-content\/uploads\/2018\/10\/Oficines-Diagonal-191-03.jpg\" title=\"Bureaux Diagonal 191\" class=\"portfolio-entry-media-link wpex-lightbox-gallery\" data-gallery=\"[{&quot;src&quot;:&quot;https:\\\/\\\/www.garciafaura.com\\\/wp-content\\\/uploads\\\/2018\\\/10\\\/Oficines-Diagonal-191-01.jpg&quot;,&quot;title&quot;:&quot;Fabricaci\\u00f3 i instal\\u00b7laci\\u00f3 del conjunt de\\u00a0fa\\u00e7ana modular&quot;},{&quot;src&quot;:&quot;https:\\\/\\\/www.garciafaura.com\\\/wp-content\\\/uploads\\\/2018\\\/10\\\/Oficines-Diagonal-191-31.jpg&quot;,&quot;title&quot;:&quot;Fabricaci\\u00f3 i instal\\u00b7laci\\u00f3 del conjunt de\\u00a0fa\\u00e7ana modular&quot;},{&quot;src&quot;:&quot;https:\\\/\\\/www.garciafaura.com\\\/wp-content\\\/uploads\\\/2018\\\/10\\\/Oficines-Diagonal-191-30.jpg&quot;,&quot;title&quot;:&quot;Fabricaci\\u00f3 i instal\\u00b7laci\\u00f3 del conjunt de\\u00a0fa\\u00e7ana modular&quot;},{&quot;src&quot;:&quot;https:\\\/\\\/www.garciafaura.com\\\/wp-content\\\/uploads\\\/2018\\\/10\\\/Oficines-Diagonal-191-29.jpg&quot;,&quot;title&quot;:&quot;Fabricaci\\u00f3 i instal\\u00b7laci\\u00f3 del conjunt de\\u00a0fa\\u00e7ana modular&quot;},{&quot;src&quot;:&quot;https:\\\/\\\/www.garciafaura.com\\\/wp-content\\\/uploads\\\/2018\\\/10\\\/Oficines-Diagonal-191-28.jpg&quot;,&quot;title&quot;:&quot;Fabricaci\\u00f3 i instal\\u00b7laci\\u00f3 del conjunt de\\u00a0fa\\u00e7ana modular&quot;},{&quot;src&quot;:&quot;https:\\\/\\\/www.garciafaura.com\\\/wp-content\\\/uploads\\\/2018\\\/10\\\/Oficines-Diagonal-191-27.jpg&quot;,&quot;title&quot;:&quot;Fabricaci\\u00f3 i instal\\u00b7laci\\u00f3 del conjunt de\\u00a0fa\\u00e7ana modular&quot;},{&quot;src&quot;:&quot;https:\\\/\\\/www.garciafaura.com\\\/wp-content\\\/uploads\\\/2018\\\/10\\\/Oficines-Diagonal-191-26.jpg&quot;,&quot;title&quot;:&quot;Fabricaci\\u00f3 i instal\\u00b7laci\\u00f3 del conjunt de\\u00a0fa\\u00e7ana modular&quot;},{&quot;src&quot;:&quot;https:\\\/\\\/www.garciafaura.com\\\/wp-content\\\/uploads\\\/2018\\\/10\\\/Oficines-Diagonal-191-25.jpg&quot;,&quot;title&quot;:&quot;Fabricaci\\u00f3 i instal\\u00b7laci\\u00f3 del conjunt de\\u00a0fa\\u00e7ana modular&quot;},{&quot;src&quot;:&quot;https:\\\/\\\/www.garciafaura.com\\\/wp-content\\\/uploads\\\/2018\\\/10\\\/Oficines-Diagonal-191-24.jpg&quot;,&quot;title&quot;:&quot;Fabricaci\\u00f3 i instal\\u00b7laci\\u00f3 del conjunt de\\u00a0fa\\u00e7ana modular&quot;},{&quot;src&quot;:&quot;https:\\\/\\\/www.garciafaura.com\\\/wp-content\\\/uploads\\\/2018\\\/10\\\/Oficines-Diagonal-191-23.jpg&quot;,&quot;title&quot;:&quot;Fabricaci\\u00f3 i instal\\u00b7laci\\u00f3 del conjunt de\\u00a0fa\\u00e7ana modular&quot;},{&quot;src&quot;:&quot;https:\\\/\\\/www.garciafaura.com\\\/wp-content\\\/uploads\\\/2018\\\/10\\\/Oficines-Diagonal-191-22.jpg&quot;,&quot;title&quot;:&quot;Fabricaci\\u00f3 i instal\\u00b7laci\\u00f3 del conjunt de\\u00a0fa\\u00e7ana modular&quot;},{&quot;src&quot;:&quot;https:\\\/\\\/www.garciafaura.com\\\/wp-content\\\/uploads\\\/2018\\\/10\\\/Oficines-Diagonal-191-21.jpg&quot;,&quot;title&quot;:&quot;Fabricaci\\u00f3 i instal\\u00b7laci\\u00f3 del conjunt de\\u00a0fa\\u00e7ana modular&quot;},{&quot;src&quot;:&quot;https:\\\/\\\/www.garciafaura.com\\\/wp-content\\\/uploads\\\/2018\\\/10\\\/Oficines-Diagonal-191-20.jpg&quot;,&quot;title&quot;:&quot;Fabricaci\\u00f3 i instal\\u00b7laci\\u00f3 del conjunt de\\u00a0fa\\u00e7ana modular&quot;},{&quot;src&quot;:&quot;https:\\\/\\\/www.garciafaura.com\\\/wp-content\\\/uploads\\\/2018\\\/10\\\/Oficines-Diagonal-191-19.jpg&quot;,&quot;title&quot;:&quot;Fabricaci\\u00f3 i instal\\u00b7laci\\u00f3 del conjunt de\\u00a0fa\\u00e7ana modular&quot;},{&quot;src&quot;:&quot;https:\\\/\\\/www.garciafaura.com\\\/wp-content\\\/uploads\\\/2018\\\/10\\\/Oficines-Diagonal-191-18.jpg&quot;,&quot;title&quot;:&quot;Fabricaci\\u00f3 i instal\\u00b7laci\\u00f3 del conjunt de\\u00a0fa\\u00e7ana modular&quot;},{&quot;src&quot;:&quot;https:\\\/\\\/www.garciafaura.com\\\/wp-content\\\/uploads\\\/2018\\\/10\\\/Oficines-Diagonal-191-17.jpg&quot;,&quot;title&quot;:&quot;Fabricaci\\u00f3 i instal\\u00b7laci\\u00f3 del conjunt de\\u00a0fa\\u00e7ana modular&quot;},{&quot;src&quot;:&quot;https:\\\/\\\/www.garciafaura.com\\\/wp-content\\\/uploads\\\/2018\\\/10\\\/Oficines-Diagonal-191-16.jpg&quot;,&quot;title&quot;:&quot;Fabricaci\\u00f3 i instal\\u00b7laci\\u00f3 del conjunt de\\u00a0fa\\u00e7ana modular&quot;},{&quot;src&quot;:&quot;https:\\\/\\\/www.garciafaura.com\\\/wp-content\\\/uploads\\\/2018\\\/10\\\/Oficines-Diagonal-191-15.jpg&quot;,&quot;title&quot;:&quot;Fabricaci\\u00f3 i instal\\u00b7laci\\u00f3 del conjunt de\\u00a0fa\\u00e7ana modular&quot;},{&quot;src&quot;:&quot;https:\\\/\\\/www.garciafaura.com\\\/wp-content\\\/uploads\\\/2018\\\/10\\\/Oficines-Diagonal-191-14.jpg&quot;,&quot;title&quot;:&quot;Fabricaci\\u00f3 i instal\\u00b7laci\\u00f3 del conjunt de\\u00a0fa\\u00e7ana modular&quot;},{&quot;src&quot;:&quot;https:\\\/\\\/www.garciafaura.com\\\/wp-content\\\/uploads\\\/2018\\\/10\\\/Oficines-Diagonal-191-13.jpg&quot;,&quot;title&quot;:&quot;Fabricaci\\u00f3 i instal\\u00b7laci\\u00f3 del conjunt de\\u00a0fa\\u00e7ana modular&quot;},{&quot;src&quot;:&quot;https:\\\/\\\/www.garciafaura.com\\\/wp-content\\\/uploads\\\/2018\\\/10\\\/Oficines-Diagonal-191-12.jpg&quot;,&quot;title&quot;:&quot;Fabricaci\\u00f3 i instal\\u00b7laci\\u00f3 del conjunt de\\u00a0fa\\u00e7ana modular&quot;},{&quot;src&quot;:&quot;https:\\\/\\\/www.garciafaura.com\\\/wp-content\\\/uploads\\\/2018\\\/10\\\/Oficines-Diagonal-191-11.jpg&quot;,&quot;title&quot;:&quot;Fabricaci\\u00f3 i instal\\u00b7laci\\u00f3 del conjunt de\\u00a0fa\\u00e7ana modular&quot;},{&quot;src&quot;:&quot;https:\\\/\\\/www.garciafaura.com\\\/wp-content\\\/uploads\\\/2018\\\/10\\\/Oficines-Diagonal-191-10.jpg&quot;,&quot;title&quot;:&quot;Fabricaci\\u00f3 i instal\\u00b7laci\\u00f3 del conjunt de\\u00a0fa\\u00e7ana modular&quot;},{&quot;src&quot;:&quot;https:\\\/\\\/www.garciafaura.com\\\/wp-content\\\/uploads\\\/2018\\\/10\\\/Oficines-Diagonal-191-09.jpg&quot;,&quot;title&quot;:&quot;Fabricaci\\u00f3 i instal\\u00b7laci\\u00f3 del conjunt de\\u00a0fa\\u00e7ana modular&quot;},{&quot;src&quot;:&quot;https:\\\/\\\/www.garciafaura.com\\\/wp-content\\\/uploads\\\/2018\\\/10\\\/Oficines-Diagonal-191-08.jpg&quot;,&quot;title&quot;:&quot;Fabricaci\\u00f3 i instal\\u00b7laci\\u00f3 del conjunt de\\u00a0fa\\u00e7ana modular&quot;},{&quot;src&quot;:&quot;https:\\\/\\\/www.garciafaura.com\\\/wp-content\\\/uploads\\\/2018\\\/10\\\/Oficines-Diagonal-191-07.jpg&quot;,&quot;title&quot;:&quot;Fabricaci\\u00f3 i instal\\u00b7laci\\u00f3 del conjunt de\\u00a0fa\\u00e7ana modular&quot;},{&quot;src&quot;:&quot;https:\\\/\\\/www.garciafaura.com\\\/wp-content\\\/uploads\\\/2018\\\/10\\\/Oficines-Diagonal-191-06.jpg&quot;,&quot;title&quot;:&quot;Fabricaci\\u00f3 i instal\\u00b7laci\\u00f3 del conjunt de\\u00a0fa\\u00e7ana modular&quot;},{&quot;src&quot;:&quot;https:\\\/\\\/www.garciafaura.com\\\/wp-content\\\/uploads\\\/2018\\\/10\\\/Oficines-Diagonal-191-05.jpg&quot;,&quot;title&quot;:&quot;Fabricaci\\u00f3 i instal\\u00b7laci\\u00f3 del conjunt de\\u00a0fa\\u00e7ana modular&quot;},{&quot;src&quot;:&quot;https:\\\/\\\/www.garciafaura.com\\\/wp-content\\\/uploads\\\/2018\\\/10\\\/Oficines-Diagonal-191-04.jpg&quot;,&quot;title&quot;:&quot;Fabricaci\\u00f3 i instal\\u00b7laci\\u00f3 del conjunt de\\u00a0fa\\u00e7ana modular&quot;},{&quot;src&quot;:&quot;https:\\\/\\\/www.garciafaura.com\\\/wp-content\\\/uploads\\\/2018\\\/10\\\/Oficines-Diagonal-191-03.jpg&quot;,&quot;title&quot;:&quot;Fabrication et installation de l&#039;ensemble de fa\\u00e7ade modulaire.&quot;},{&quot;src&quot;:&quot;https:\\\/\\\/www.garciafaura.com\\\/wp-content\\\/uploads\\\/2018\\\/10\\\/Oficines-Diagonal-191-02.jpg&quot;,&quot;title&quot;:&quot;Fabricaci\\u00f3 i instal\\u00b7laci\\u00f3 del conjunt de\\u00a0fa\\u00e7ana modular&quot;}]\"><img loading=\"lazy\" decoding=\"async\" data-no-lazy=\"1\" class=\"portfolio-entry-img skip-lazy\" src=\"https:\/\/www.garciafaura.com\/wp-content\/uploads\/2018\/10\/Oficines-Diagonal-191-03-600x314.jpg\" alt=\"Fabrication Et Installation De L'ensemble De Fa\u00e7ade Modulaire.\" data-no-retina width=\"600\" height=\"314\" \/><\/a><\/div><div class=\"portfolio-entry-details entry-details wpex-clr\"><h2 class=\"portfolio-entry-title entry-title\"><a href=\"https:\/\/www.garciafaura.com\/fr\/portfolio-item\/bureaux-diagonal-191\/\" title=\"Bureaux Diagonal 191\">Bureaux Diagonal 191<\/a><\/h2><div class=\"portfolio-entry-categories entry-categories wpex-clr\"><a href=\"https:\/\/www.garciafaura.com\/fr\/portfolio-category\/batiments-corporatifs\/\" class=\"term-69\">B\u00e2timents Corporatifs<\/a><\/div><\/div><\/div><\/div><div class=\"portfolio-entry vcex-grid-item entry-has-details span_1_of_3 col col-2 vcex-isotope-entry vcex-no-margin-entry post-20703 entry type-portfolio has-media cat-69 translation_priority-5\"><div class=\"portfolio-entry-inner entry-inner wpex-clr\"><div class=\"portfolio-entry-media entry-media wpex-clr\"><a href=\"https:\/\/www.garciafaura.com\/wp-content\/uploads\/2018\/10\/Seu-IMA-Ripollet-01.jpg\" title=\"Si\u00e8ge social IMA\" class=\"portfolio-entry-media-link wpex-lightbox-gallery\" data-gallery=\"[{&quot;src&quot;:&quot;https:\\\/\\\/www.garciafaura.com\\\/wp-content\\\/uploads\\\/2018\\\/10\\\/Seu-IMA-Ripollet-01.jpg&quot;,&quot;title&quot;:&quot;Fermetures pour le nouveau si\\u00e8ge social de la soci\\u00e9t\\u00e9 IMA&quot;},{&quot;src&quot;:&quot;https:\\\/\\\/www.garciafaura.com\\\/wp-content\\\/uploads\\\/2018\\\/10\\\/Seu-IMA-Ripollet-14.jpg&quot;,&quot;title&quot;:&quot;Tancaments de la nou seu corporativa de la firma IMA&quot;},{&quot;src&quot;:&quot;https:\\\/\\\/www.garciafaura.com\\\/wp-content\\\/uploads\\\/2018\\\/10\\\/Seu-IMA-Ripollet-13.jpg&quot;,&quot;title&quot;:&quot;Tancaments de la nou seu corporativa de la firma IMA&quot;},{&quot;src&quot;:&quot;https:\\\/\\\/www.garciafaura.com\\\/wp-content\\\/uploads\\\/2018\\\/10\\\/Seu-IMA-Ripollet-12.jpg&quot;,&quot;title&quot;:&quot;Tancaments de la nou seu corporativa de la firma IMA&quot;},{&quot;src&quot;:&quot;https:\\\/\\\/www.garciafaura.com\\\/wp-content\\\/uploads\\\/2018\\\/10\\\/Seu-IMA-Ripollet-11.jpg&quot;,&quot;title&quot;:&quot;Tancaments de la nou seu corporativa de la firma IMA&quot;},{&quot;src&quot;:&quot;https:\\\/\\\/www.garciafaura.com\\\/wp-content\\\/uploads\\\/2018\\\/10\\\/Seu-IMA-Ripollet-10.jpg&quot;,&quot;title&quot;:&quot;Tancaments de la nou seu corporativa de la firma IMA&quot;},{&quot;src&quot;:&quot;https:\\\/\\\/www.garciafaura.com\\\/wp-content\\\/uploads\\\/2018\\\/10\\\/Seu-IMA-Ripollet-09.jpg&quot;,&quot;title&quot;:&quot;Tancaments de la nou seu corporativa de la firma IMA&quot;},{&quot;src&quot;:&quot;https:\\\/\\\/www.garciafaura.com\\\/wp-content\\\/uploads\\\/2018\\\/10\\\/Seu-IMA-Ripollet-08.jpg&quot;,&quot;title&quot;:&quot;Tancaments de la nou seu corporativa de la firma IMA&quot;},{&quot;src&quot;:&quot;https:\\\/\\\/www.garciafaura.com\\\/wp-content\\\/uploads\\\/2018\\\/10\\\/Seu-IMA-Ripollet-07.jpg&quot;,&quot;title&quot;:&quot;Tancaments de la nou seu corporativa de la firma IMA&quot;},{&quot;src&quot;:&quot;https:\\\/\\\/www.garciafaura.com\\\/wp-content\\\/uploads\\\/2018\\\/10\\\/Seu-IMA-Ripollet-06.jpg&quot;,&quot;title&quot;:&quot;Tancaments de la nou seu corporativa de la firma IMA&quot;},{&quot;src&quot;:&quot;https:\\\/\\\/www.garciafaura.com\\\/wp-content\\\/uploads\\\/2018\\\/10\\\/Seu-IMA-Ripollet-05.jpg&quot;,&quot;title&quot;:&quot;Tancaments de la nou seu corporativa de la firma IMA&quot;},{&quot;src&quot;:&quot;https:\\\/\\\/www.garciafaura.com\\\/wp-content\\\/uploads\\\/2018\\\/10\\\/Seu-IMA-Ripollet-04.jpg&quot;,&quot;title&quot;:&quot;Tancaments de la nou seu corporativa de la firma IMA&quot;},{&quot;src&quot;:&quot;https:\\\/\\\/www.garciafaura.com\\\/wp-content\\\/uploads\\\/2018\\\/10\\\/Seu-IMA-Ripollet-03.jpg&quot;,&quot;title&quot;:&quot;Tancaments de la nou seu corporativa de la firma IMA&quot;},{&quot;src&quot;:&quot;https:\\\/\\\/www.garciafaura.com\\\/wp-content\\\/uploads\\\/2018\\\/10\\\/Seu-IMA-Ripollet-02.jpg&quot;,&quot;title&quot;:&quot;Tancaments i vidrieres del nou mercat municipal i zona comercial&quot;}]\"><img loading=\"lazy\" decoding=\"async\" data-no-lazy=\"1\" class=\"portfolio-entry-img skip-lazy\" src=\"https:\/\/www.garciafaura.com\/wp-content\/uploads\/2018\/10\/Seu-IMA-Ripollet-01-600x314.jpg\" alt=\"Fermetures Pour Le Nouveau Si\u00e8ge Social De La Soci\u00e9t\u00e9 IMA\" data-no-retina width=\"600\" height=\"314\" \/><\/a><\/div><div class=\"portfolio-entry-details entry-details wpex-clr\"><h2 class=\"portfolio-entry-title entry-title\"><a href=\"https:\/\/www.garciafaura.com\/fr\/portfolio-item\/siege-social-ima\/\" title=\"Si\u00e8ge social IMA\">Si\u00e8ge social IMA<\/a><\/h2><div class=\"portfolio-entry-categories entry-categories wpex-clr\"><a href=\"https:\/\/www.garciafaura.com\/fr\/portfolio-category\/batiments-corporatifs\/\" class=\"term-69\">B\u00e2timents Corporatifs<\/a><\/div><\/div><\/div><\/div><div class=\"portfolio-entry vcex-grid-item entry-has-details span_1_of_3 col col-3 vcex-isotope-entry vcex-no-margin-entry post-20693 entry type-portfolio has-media cat-69 cat-90 cat-101 translation_priority-5\"><div class=\"portfolio-entry-inner entry-inner wpex-clr\"><div class=\"portfolio-entry-media entry-media wpex-clr\"><a href=\"https:\/\/www.garciafaura.com\/wp-content\/uploads\/2018\/10\/Torre-Diagonal-Litoral-01.jpg\" title=\"R\u00e9am\u00e9nagement Torre Diagonal Litoral\" class=\"portfolio-entry-media-link wpex-lightbox-gallery\" data-gallery=\"[{&quot;src&quot;:&quot;https:\\\/\\\/www.garciafaura.com\\\/wp-content\\\/uploads\\\/2018\\\/10\\\/Torre-Diagonal-Litoral-01.jpg&quot;,&quot;title&quot;:&quot;R\\u00e9am\\u00e9nagement ext\\u00e9rieur et pr\\u00e9servation int\\u00e9grale de la fa\\u00e7ade&quot;},{&quot;src&quot;:&quot;https:\\\/\\\/www.garciafaura.com\\\/wp-content\\\/uploads\\\/2018\\\/10\\\/Torre-Diagonal-Litoral-13.jpg&quot;,&quot;title&quot;:&quot;Rehabilitaci\\u00f3 exterior i manteniment integral de fa\\u00e7ana&quot;},{&quot;src&quot;:&quot;https:\\\/\\\/www.garciafaura.com\\\/wp-content\\\/uploads\\\/2018\\\/10\\\/Torre-Diagonal-Litoral-12.jpg&quot;,&quot;title&quot;:&quot;Rehabilitaci\\u00f3 exterior i manteniment integral de fa\\u00e7ana&quot;},{&quot;src&quot;:&quot;https:\\\/\\\/www.garciafaura.com\\\/wp-content\\\/uploads\\\/2018\\\/10\\\/Torre-Diagonal-Litoral-11.jpg&quot;,&quot;title&quot;:&quot;Rehabilitaci\\u00f3 exterior i manteniment integral de fa\\u00e7ana&quot;},{&quot;src&quot;:&quot;https:\\\/\\\/www.garciafaura.com\\\/wp-content\\\/uploads\\\/2018\\\/10\\\/Torre-Diagonal-Litoral-10.jpg&quot;,&quot;title&quot;:&quot;Rehabilitaci\\u00f3 exterior i manteniment integral de fa\\u00e7ana&quot;},{&quot;src&quot;:&quot;https:\\\/\\\/www.garciafaura.com\\\/wp-content\\\/uploads\\\/2018\\\/10\\\/Torre-Diagonal-Litoral-09.jpg&quot;,&quot;title&quot;:&quot;Rehabilitaci\\u00f3 exterior i manteniment integral de fa\\u00e7ana&quot;},{&quot;src&quot;:&quot;https:\\\/\\\/www.garciafaura.com\\\/wp-content\\\/uploads\\\/2018\\\/10\\\/Torre-Diagonal-Litoral-08.jpg&quot;,&quot;title&quot;:&quot;Rehabilitaci\\u00f3 exterior i manteniment integral de fa\\u00e7ana&quot;},{&quot;src&quot;:&quot;https:\\\/\\\/www.garciafaura.com\\\/wp-content\\\/uploads\\\/2018\\\/10\\\/Torre-Diagonal-Litoral-07.jpg&quot;,&quot;title&quot;:&quot;Rehabilitaci\\u00f3 exterior i manteniment integral de fa\\u00e7ana&quot;},{&quot;src&quot;:&quot;https:\\\/\\\/www.garciafaura.com\\\/wp-content\\\/uploads\\\/2018\\\/10\\\/Torre-Diagonal-Litoral-06.jpg&quot;,&quot;title&quot;:&quot;Rehabilitaci\\u00f3 exterior i manteniment integral de fa\\u00e7ana&quot;},{&quot;src&quot;:&quot;https:\\\/\\\/www.garciafaura.com\\\/wp-content\\\/uploads\\\/2018\\\/10\\\/Torre-Diagonal-Litoral-05.jpg&quot;,&quot;title&quot;:&quot;Rehabilitaci\\u00f3 exterior i manteniment integral de fa\\u00e7ana&quot;},{&quot;src&quot;:&quot;https:\\\/\\\/www.garciafaura.com\\\/wp-content\\\/uploads\\\/2018\\\/10\\\/Torre-Diagonal-Litoral-04.jpg&quot;,&quot;title&quot;:&quot;Rehabilitaci\\u00f3 exterior i manteniment integral de fa\\u00e7ana&quot;},{&quot;src&quot;:&quot;https:\\\/\\\/www.garciafaura.com\\\/wp-content\\\/uploads\\\/2018\\\/10\\\/Torre-Diagonal-Litoral-03.jpg&quot;,&quot;title&quot;:&quot;Rehabilitaci\\u00f3 exterior i manteniment integral de fa\\u00e7ana&quot;},{&quot;src&quot;:&quot;https:\\\/\\\/www.garciafaura.com\\\/wp-content\\\/uploads\\\/2018\\\/10\\\/Torre-Diagonal-Litoral-02.jpg&quot;,&quot;title&quot;:&quot;Rehabilitaci\\u00f3 exterior i manteniment integral de fa\\u00e7ana&quot;}]\"><img loading=\"lazy\" decoding=\"async\" data-no-lazy=\"1\" class=\"portfolio-entry-img skip-lazy\" src=\"https:\/\/www.garciafaura.com\/wp-content\/uploads\/2018\/10\/Torre-Diagonal-Litoral-01-600x314.jpg\" alt=\"R\u00e9am\u00e9nagement Ext\u00e9rieur Et Pr\u00e9servation Int\u00e9grale De La Fa\u00e7ade\" data-no-retina width=\"600\" height=\"314\" \/><\/a><\/div><div class=\"portfolio-entry-details entry-details wpex-clr\"><h2 class=\"portfolio-entry-title entry-title\"><a href=\"https:\/\/www.garciafaura.com\/fr\/portfolio-item\/reamenagement-torre-diagonal-litoral\/\" title=\"R\u00e9am\u00e9nagement Torre Diagonal Litoral\">R\u00e9am\u00e9nagement Torre Diagonal Litoral<\/a><\/h2><div class=\"portfolio-entry-categories entry-categories wpex-clr\"><a href=\"https:\/\/www.garciafaura.com\/fr\/portfolio-category\/batiments-corporatifs\/\" class=\"term-69\">B\u00e2timents Corporatifs<\/a><\/div><\/div><\/div><\/div><div class=\"portfolio-entry vcex-grid-item entry-has-details span_1_of_3 col col-1 vcex-isotope-entry vcex-no-margin-entry post-20691 entry type-portfolio has-media cat-69 cat-102 cat-97 cat-98 translation_priority-5\"><div class=\"portfolio-entry-inner entry-inner wpex-clr\"><div class=\"portfolio-entry-media entry-media wpex-clr\"><a href=\"https:\/\/www.garciafaura.com\/wp-content\/uploads\/2018\/10\/Colombia-OFI7-09.jpg\" title=\"OFI7 Centre d&rsquo;Affaires\" class=\"portfolio-entry-media-link wpex-lightbox-gallery\" data-gallery=\"[{&quot;src&quot;:&quot;https:\\\/\\\/www.garciafaura.com\\\/wp-content\\\/uploads\\\/2018\\\/10\\\/Colombia-OFI7-09.jpg&quot;,&quot;title&quot;:&quot;Fermetures en aluminium \\u00e0 haute performance avec murs-rideaux et fa\\u00e7ades vitr\\u00e9es.&quot;},{&quot;src&quot;:&quot;https:\\\/\\\/www.garciafaura.com\\\/wp-content\\\/uploads\\\/2018\\\/10\\\/Colombia-OFI7-31.jpg&quot;,&quot;title&quot;:&quot;Tancaments d\\u2019alumini d\\u2019altes prestacions amb murs cortina i fa\\u00e7anes envidriades&quot;},{&quot;src&quot;:&quot;https:\\\/\\\/www.garciafaura.com\\\/wp-content\\\/uploads\\\/2018\\\/10\\\/Colombia-OFI7-30.jpg&quot;,&quot;title&quot;:&quot;Tancaments d\\u2019alumini d\\u2019altes prestacions amb murs cortina i fa\\u00e7anes envidriades&quot;},{&quot;src&quot;:&quot;https:\\\/\\\/www.garciafaura.com\\\/wp-content\\\/uploads\\\/2018\\\/10\\\/Colombia-OFI7-29.jpg&quot;,&quot;title&quot;:&quot;Tancaments d\\u2019alumini d\\u2019altes prestacions amb murs cortina i fa\\u00e7anes envidriades&quot;},{&quot;src&quot;:&quot;https:\\\/\\\/www.garciafaura.com\\\/wp-content\\\/uploads\\\/2018\\\/10\\\/Colombia-OFI7-28.jpg&quot;,&quot;title&quot;:&quot;Tancaments d\\u2019alumini d\\u2019altes prestacions amb murs cortina i fa\\u00e7anes envidriades&quot;},{&quot;src&quot;:&quot;https:\\\/\\\/www.garciafaura.com\\\/wp-content\\\/uploads\\\/2018\\\/10\\\/Colombia-OFI7-27.jpg&quot;,&quot;title&quot;:&quot;Tancaments d\\u2019alumini d\\u2019altes prestacions amb murs cortina i fa\\u00e7anes envidriades&quot;},{&quot;src&quot;:&quot;https:\\\/\\\/www.garciafaura.com\\\/wp-content\\\/uploads\\\/2018\\\/10\\\/Colombia-OFI7-26.jpg&quot;,&quot;title&quot;:&quot;Tancaments d\\u2019alumini d\\u2019altes prestacions amb murs cortina i fa\\u00e7anes envidriades&quot;},{&quot;src&quot;:&quot;https:\\\/\\\/www.garciafaura.com\\\/wp-content\\\/uploads\\\/2018\\\/10\\\/Colombia-OFI7-25.jpg&quot;,&quot;title&quot;:&quot;Tancaments d\\u2019alumini d\\u2019altes prestacions amb murs cortina i fa\\u00e7anes envidriades&quot;},{&quot;src&quot;:&quot;https:\\\/\\\/www.garciafaura.com\\\/wp-content\\\/uploads\\\/2018\\\/10\\\/Colombia-OFI7-24.jpg&quot;,&quot;title&quot;:&quot;Tancaments d\\u2019alumini d\\u2019altes prestacions amb murs cortina i fa\\u00e7anes envidriades&quot;},{&quot;src&quot;:&quot;https:\\\/\\\/www.garciafaura.com\\\/wp-content\\\/uploads\\\/2018\\\/10\\\/Colombia-OFI7-23.jpg&quot;,&quot;title&quot;:&quot;Tancaments d\\u2019alumini d\\u2019altes prestacions amb murs cortina i fa\\u00e7anes envidriades&quot;},{&quot;src&quot;:&quot;https:\\\/\\\/www.garciafaura.com\\\/wp-content\\\/uploads\\\/2018\\\/10\\\/Colombia-OFI7-22.jpg&quot;,&quot;title&quot;:&quot;Tancaments d\\u2019alumini d\\u2019altes prestacions amb murs cortina i fa\\u00e7anes envidriades&quot;},{&quot;src&quot;:&quot;https:\\\/\\\/www.garciafaura.com\\\/wp-content\\\/uploads\\\/2018\\\/10\\\/Colombia-OFI7-21.jpg&quot;,&quot;title&quot;:&quot;Tancaments d\\u2019alumini d\\u2019altes prestacions amb murs cortina i fa\\u00e7anes envidriades&quot;},{&quot;src&quot;:&quot;https:\\\/\\\/www.garciafaura.com\\\/wp-content\\\/uploads\\\/2018\\\/10\\\/Colombia-OFI7-20.jpg&quot;,&quot;title&quot;:&quot;Tancaments d\\u2019alumini d\\u2019altes prestacions amb murs cortina i fa\\u00e7anes envidriades&quot;},{&quot;src&quot;:&quot;https:\\\/\\\/www.garciafaura.com\\\/wp-content\\\/uploads\\\/2018\\\/10\\\/Colombia-OFI7-19.jpg&quot;,&quot;title&quot;:&quot;Tancaments d\\u2019alumini d\\u2019altes prestacions amb murs cortina i fa\\u00e7anes envidriades&quot;},{&quot;src&quot;:&quot;https:\\\/\\\/www.garciafaura.com\\\/wp-content\\\/uploads\\\/2018\\\/10\\\/Colombia-OFI7-18.jpg&quot;,&quot;title&quot;:&quot;Tancaments d\\u2019alumini d\\u2019altes prestacions amb murs cortina i fa\\u00e7anes envidriades&quot;},{&quot;src&quot;:&quot;https:\\\/\\\/www.garciafaura.com\\\/wp-content\\\/uploads\\\/2018\\\/10\\\/Colombia-OFI7-17.jpg&quot;,&quot;title&quot;:&quot;Tancaments d\\u2019alumini d\\u2019altes prestacions amb murs cortina i fa\\u00e7anes envidriades&quot;},{&quot;src&quot;:&quot;https:\\\/\\\/www.garciafaura.com\\\/wp-content\\\/uploads\\\/2018\\\/10\\\/Colombia-OFI7-16.jpg&quot;,&quot;title&quot;:&quot;Tancaments d\\u2019alumini d\\u2019altes prestacions amb murs cortina i fa\\u00e7anes envidriades&quot;},{&quot;src&quot;:&quot;https:\\\/\\\/www.garciafaura.com\\\/wp-content\\\/uploads\\\/2018\\\/10\\\/Colombia-OFI7-15.jpg&quot;,&quot;title&quot;:&quot;Tancaments d\\u2019alumini d\\u2019altes prestacions amb murs cortina i fa\\u00e7anes envidriades&quot;},{&quot;src&quot;:&quot;https:\\\/\\\/www.garciafaura.com\\\/wp-content\\\/uploads\\\/2018\\\/10\\\/Colombia-OFI7-14.jpg&quot;,&quot;title&quot;:&quot;Tancaments d\\u2019alumini d\\u2019altes prestacions amb murs cortina i fa\\u00e7anes envidriades&quot;},{&quot;src&quot;:&quot;https:\\\/\\\/www.garciafaura.com\\\/wp-content\\\/uploads\\\/2018\\\/10\\\/Colombia-OFI7-13.jpg&quot;,&quot;title&quot;:&quot;Tancaments d\\u2019alumini d\\u2019altes prestacions amb murs cortina i fa\\u00e7anes envidriades&quot;},{&quot;src&quot;:&quot;https:\\\/\\\/www.garciafaura.com\\\/wp-content\\\/uploads\\\/2018\\\/10\\\/Colombia-OFI7-12.jpg&quot;,&quot;title&quot;:&quot;Tancaments d\\u2019alumini d\\u2019altes prestacions amb murs cortina i fa\\u00e7anes envidriades&quot;},{&quot;src&quot;:&quot;https:\\\/\\\/www.garciafaura.com\\\/wp-content\\\/uploads\\\/2018\\\/10\\\/Colombia-OFI7-11.jpg&quot;,&quot;title&quot;:&quot;Tancaments d\\u2019alumini d\\u2019altes prestacions amb murs cortina i fa\\u00e7anes envidriades&quot;},{&quot;src&quot;:&quot;https:\\\/\\\/www.garciafaura.com\\\/wp-content\\\/uploads\\\/2018\\\/10\\\/Colombia-OFI7-10.jpg&quot;,&quot;title&quot;:&quot;Tancaments d\\u2019alumini d\\u2019altes prestacions amb murs cortina i fa\\u00e7anes envidriades&quot;},{&quot;src&quot;:&quot;https:\\\/\\\/www.garciafaura.com\\\/wp-content\\\/uploads\\\/2018\\\/10\\\/Colombia-OFI7-08.jpg&quot;,&quot;title&quot;:&quot;Tancaments d\\u2019alumini d\\u2019altes prestacions amb murs cortina i fa\\u00e7anes envidriades&quot;},{&quot;src&quot;:&quot;https:\\\/\\\/www.garciafaura.com\\\/wp-content\\\/uploads\\\/2018\\\/10\\\/Colombia-OFI7-07.jpg&quot;,&quot;title&quot;:&quot;Tancaments d\\u2019alumini d\\u2019altes prestacions amb murs cortina i fa\\u00e7anes envidriades&quot;},{&quot;src&quot;:&quot;https:\\\/\\\/www.garciafaura.com\\\/wp-content\\\/uploads\\\/2018\\\/10\\\/Colombia-OFI7-06.jpg&quot;,&quot;title&quot;:&quot;Tancaments d\\u2019alumini d\\u2019altes prestacions amb murs cortina i fa\\u00e7anes envidriades&quot;},{&quot;src&quot;:&quot;https:\\\/\\\/www.garciafaura.com\\\/wp-content\\\/uploads\\\/2018\\\/10\\\/Colombia-OFI7-05.jpg&quot;,&quot;title&quot;:&quot;Tancaments d\\u2019alumini d\\u2019altes prestacions amb murs cortina i fa\\u00e7anes envidriades&quot;},{&quot;src&quot;:&quot;https:\\\/\\\/www.garciafaura.com\\\/wp-content\\\/uploads\\\/2018\\\/10\\\/Colombia-OFI7-04.jpg&quot;,&quot;title&quot;:&quot;Tancaments d\\u2019alumini d\\u2019altes prestacions amb murs cortina i fa\\u00e7anes envidriades&quot;},{&quot;src&quot;:&quot;https:\\\/\\\/www.garciafaura.com\\\/wp-content\\\/uploads\\\/2018\\\/10\\\/Colombia-OFI7-03.jpg&quot;,&quot;title&quot;:&quot;Tancaments d\\u2019alumini d\\u2019altes prestacions amb murs cortina i fa\\u00e7anes envidriades&quot;},{&quot;src&quot;:&quot;https:\\\/\\\/www.garciafaura.com\\\/wp-content\\\/uploads\\\/2018\\\/10\\\/Colombia-OFI7-02.jpg&quot;,&quot;title&quot;:&quot;Tancaments d\\u2019alumini d\\u2019altes prestacions amb murs cortina i fa\\u00e7anes envidriades&quot;},{&quot;src&quot;:&quot;https:\\\/\\\/www.garciafaura.com\\\/wp-content\\\/uploads\\\/2018\\\/10\\\/Colombia-OFI7-01.jpg&quot;,&quot;title&quot;:&quot;Tancaments d\\u2019alumini d\\u2019altes prestacions amb murs cortina i fa\\u00e7anes envidriades&quot;}]\"><img loading=\"lazy\" decoding=\"async\" data-no-lazy=\"1\" class=\"portfolio-entry-img skip-lazy\" src=\"https:\/\/www.garciafaura.com\/wp-content\/uploads\/2018\/10\/Colombia-OFI7-09-600x314.jpg\" alt=\"Fermetures En Aluminium \u00e0 Haute Performance Avec Murs-rideaux Et Fa\u00e7ades Vitr\u00e9es.\" data-no-retina width=\"600\" height=\"314\" \/><\/a><\/div><div class=\"portfolio-entry-details entry-details wpex-clr\"><h2 class=\"portfolio-entry-title entry-title\"><a href=\"https:\/\/www.garciafaura.com\/fr\/portfolio-item\/ofi7-centre-daffaires\/\" title=\"OFI7 Centre d&rsquo;Affaires\">OFI7 Centre d&rsquo;Affaires<\/a><\/h2><div class=\"portfolio-entry-categories entry-categories wpex-clr\"><a href=\"https:\/\/www.garciafaura.com\/fr\/portfolio-category\/batiments-corporatifs\/\" class=\"term-69\">B\u00e2timents Corporatifs<\/a><\/div><\/div><\/div><\/div><div class=\"portfolio-entry vcex-grid-item entry-has-details span_1_of_3 col col-2 vcex-isotope-entry vcex-no-margin-entry post-20687 entry type-portfolio has-media cat-69 cat-102 cat-93 cat-95 translation_priority-5\"><div class=\"portfolio-entry-inner entry-inner wpex-clr\"><div class=\"portfolio-entry-media entry-media wpex-clr\"><a href=\"https:\/\/www.garciafaura.com\/wp-content\/uploads\/2018\/10\/Torre-4-Porta-Firal-01.jpg\" title=\"Torre 4 Porta Firal\" class=\"portfolio-entry-media-link wpex-lightbox-gallery\" data-gallery=\"[{&quot;src&quot;:&quot;https:\\\/\\\/www.garciafaura.com\\\/wp-content\\\/uploads\\\/2018\\\/10\\\/Torre-4-Porta-Firal-01.jpg&quot;,&quot;title&quot;:&quot;Ensemble de fa\\u00e7ades et fermetures pour nouveau b\\u00e2timent corporatif&quot;},{&quot;src&quot;:&quot;https:\\\/\\\/www.garciafaura.com\\\/wp-content\\\/uploads\\\/2018\\\/10\\\/Torre-4-Porta-Firal-08.jpg&quot;,&quot;title&quot;:&quot;Conjunt de fa\\u00e7anes\\u00a0i tancaments en nou edifici corporatiu&quot;},{&quot;src&quot;:&quot;https:\\\/\\\/www.garciafaura.com\\\/wp-content\\\/uploads\\\/2018\\\/10\\\/Torre-4-Porta-Firal-07.jpg&quot;,&quot;title&quot;:&quot;Conjunt de fa\\u00e7anes\\u00a0i tancaments en nou edifici corporatiu&quot;},{&quot;src&quot;:&quot;https:\\\/\\\/www.garciafaura.com\\\/wp-content\\\/uploads\\\/2018\\\/10\\\/Torre-4-Porta-Firal-06.jpg&quot;,&quot;title&quot;:&quot;Conjunt de fa\\u00e7anes\\u00a0i tancaments en nou edifici corporatiu&quot;},{&quot;src&quot;:&quot;https:\\\/\\\/www.garciafaura.com\\\/wp-content\\\/uploads\\\/2018\\\/10\\\/Torre-4-Porta-Firal-05.jpg&quot;,&quot;title&quot;:&quot;Conjunt de fa\\u00e7anes\\u00a0i tancaments en nou edifici corporatiu&quot;},{&quot;src&quot;:&quot;https:\\\/\\\/www.garciafaura.com\\\/wp-content\\\/uploads\\\/2018\\\/10\\\/Torre-4-Porta-Firal-04.jpg&quot;,&quot;title&quot;:&quot;Conjunt de fa\\u00e7anes\\u00a0i tancaments en nou edifici corporatiu&quot;},{&quot;src&quot;:&quot;https:\\\/\\\/www.garciafaura.com\\\/wp-content\\\/uploads\\\/2018\\\/10\\\/Torre-4-Porta-Firal-03.jpg&quot;,&quot;title&quot;:&quot;Conjunt de fa\\u00e7anes\\u00a0i tancaments en nou edifici corporatiu&quot;},{&quot;src&quot;:&quot;https:\\\/\\\/www.garciafaura.com\\\/wp-content\\\/uploads\\\/2018\\\/10\\\/Torre-4-Porta-Firal-02.jpg&quot;,&quot;title&quot;:&quot;Conjunt de fa\\u00e7anes\\u00a0i tancaments en nou edifici corporatiu&quot;}]\"><img loading=\"lazy\" decoding=\"async\" data-no-lazy=\"1\" class=\"portfolio-entry-img skip-lazy\" src=\"https:\/\/www.garciafaura.com\/wp-content\/uploads\/2018\/10\/Torre-4-Porta-Firal-01-600x314.jpg\" alt=\"Ensemble De Fa\u00e7ades Et Fermetures Pour Nouveau B\u00e2timent Corporatif\" data-no-retina width=\"600\" height=\"314\" \/><\/a><\/div><div class=\"portfolio-entry-details entry-details wpex-clr\"><h2 class=\"portfolio-entry-title entry-title\"><a href=\"https:\/\/www.garciafaura.com\/fr\/portfolio-item\/torre-4-porta-firal\/\" title=\"Torre 4 Porta Firal\">Torre 4 Porta Firal<\/a><\/h2><div class=\"portfolio-entry-categories entry-categories wpex-clr\"><a href=\"https:\/\/www.garciafaura.com\/fr\/portfolio-category\/batiments-corporatifs\/\" class=\"term-69\">B\u00e2timents Corporatifs<\/a><\/div><\/div><\/div><\/div><div class=\"portfolio-entry vcex-grid-item entry-has-details span_1_of_3 col col-3 vcex-isotope-entry vcex-no-margin-entry post-20679 entry type-portfolio has-media cat-69 cat-102 translation_priority-5\"><div class=\"portfolio-entry-inner entry-inner wpex-clr\"><div class=\"portfolio-entry-media entry-media wpex-clr\"><a href=\"https:\/\/www.garciafaura.com\/wp-content\/uploads\/2018\/09\/Nau-Amazon-El-Prat-01.jpg\" title=\"Centre Logistique Amazon\" class=\"portfolio-entry-media-link wpex-lightbox-gallery\" data-gallery=\"[{&quot;src&quot;:&quot;https:\\\/\\\/www.garciafaura.com\\\/wp-content\\\/uploads\\\/2018\\\/09\\\/Nau-Amazon-El-Prat-01.jpg&quot;,&quot;title&quot;:&quot;Plus de 1100 fermetures pour les nouvelles installations \\u00e0 El Prat&quot;},{&quot;src&quot;:&quot;https:\\\/\\\/www.garciafaura.com\\\/wp-content\\\/uploads\\\/2018\\\/09\\\/Nau-Amazon-El-Prat-09.jpg&quot;,&quot;title&quot;:&quot;M\\u00e9s de 1.100 tancaments per a les noves instal\\u00b7lacions d&#039;El Prat&quot;},{&quot;src&quot;:&quot;https:\\\/\\\/www.garciafaura.com\\\/wp-content\\\/uploads\\\/2018\\\/09\\\/Nau-Amazon-El-Prat-08.jpg&quot;,&quot;title&quot;:&quot;M\\u00e9s de 1.100 tancaments per a les noves instal\\u00b7lacions d&#039;El Prat&quot;},{&quot;src&quot;:&quot;https:\\\/\\\/www.garciafaura.com\\\/wp-content\\\/uploads\\\/2018\\\/09\\\/Nau-Amazon-El-Prat-07.jpg&quot;,&quot;title&quot;:&quot;M\\u00e9s de 1.100 tancaments per a les noves instal\\u00b7lacions d&#039;El Prat&quot;},{&quot;src&quot;:&quot;https:\\\/\\\/www.garciafaura.com\\\/wp-content\\\/uploads\\\/2018\\\/09\\\/Nau-Amazon-El-Prat-06.jpg&quot;,&quot;title&quot;:&quot;M\\u00e9s de 1.100 tancaments per a les noves instal\\u00b7lacions d&#039;El Prat&quot;},{&quot;src&quot;:&quot;https:\\\/\\\/www.garciafaura.com\\\/wp-content\\\/uploads\\\/2018\\\/09\\\/Nau-Amazon-El-Prat-05.jpg&quot;,&quot;title&quot;:&quot;M\\u00e9s de 1.100 tancaments per a les noves instal\\u00b7lacions d&#039;El Prat&quot;},{&quot;src&quot;:&quot;https:\\\/\\\/www.garciafaura.com\\\/wp-content\\\/uploads\\\/2018\\\/09\\\/Nau-Amazon-El-Prat-04.jpg&quot;,&quot;title&quot;:&quot;M\\u00e9s de 1.100 tancaments per a les noves instal\\u00b7lacions d&#039;El Prat&quot;},{&quot;src&quot;:&quot;https:\\\/\\\/www.garciafaura.com\\\/wp-content\\\/uploads\\\/2018\\\/09\\\/Nau-Amazon-El-Prat-03.jpg&quot;,&quot;title&quot;:&quot;M\\u00e9s de 1.100 tancaments per a les noves instal\\u00b7lacions d&#039;El Prat&quot;},{&quot;src&quot;:&quot;https:\\\/\\\/www.garciafaura.com\\\/wp-content\\\/uploads\\\/2018\\\/09\\\/Nau-Amazon-El-Prat-02.jpg&quot;,&quot;title&quot;:&quot;M\\u00e9s de 1.100 tancaments per a les noves instal\\u00b7lacions d&#039;El Prat&quot;}]\"><img loading=\"lazy\" decoding=\"async\" data-no-lazy=\"1\" class=\"portfolio-entry-img skip-lazy\" src=\"https:\/\/www.garciafaura.com\/wp-content\/uploads\/2018\/09\/Nau-Amazon-El-Prat-01-600x314.jpg\" alt=\"Plus De 1100 Fermetures Pour Les Nouvelles Installations \u00e0 El Prat\" data-no-retina width=\"600\" height=\"314\" \/><\/a><\/div><div class=\"portfolio-entry-details entry-details wpex-clr\"><h2 class=\"portfolio-entry-title entry-title\"><a href=\"https:\/\/www.garciafaura.com\/fr\/portfolio-item\/centre-logistique-amazon\/\" title=\"Centre Logistique Amazon\">Centre Logistique Amazon<\/a><\/h2><div class=\"portfolio-entry-categories entry-categories wpex-clr\"><a href=\"https:\/\/www.garciafaura.com\/fr\/portfolio-category\/batiments-corporatifs\/\" class=\"term-69\">B\u00e2timents Corporatifs<\/a><\/div><\/div><\/div><\/div><div class=\"portfolio-entry vcex-grid-item entry-has-details span_1_of_3 col col-1 vcex-isotope-entry vcex-no-margin-entry post-20677 entry type-portfolio has-media cat-69 translation_priority-5\"><div class=\"portfolio-entry-inner entry-inner wpex-clr\"><div class=\"portfolio-entry-media entry-media wpex-clr\"><a href=\"https:\/\/www.garciafaura.com\/wp-content\/uploads\/2018\/09\/Supermercat-Residencia-Cornella-01.jpg\" title=\"Supermarch\u00e9 et r\u00e9sidence \u00e0 Cornell\u00e0\" class=\"portfolio-entry-media-link wpex-lightbox-gallery\" data-gallery=\"[{&quot;src&quot;:&quot;https:\\\/\\\/www.garciafaura.com\\\/wp-content\\\/uploads\\\/2018\\\/09\\\/Supermercat-Residencia-Cornella-01.jpg&quot;,&quot;title&quot;:&quot;Fermetures dans immeuble multiusage \\u00e0 Cornell\\u00e0 de Llobregat&quot;},{&quot;src&quot;:&quot;https:\\\/\\\/www.garciafaura.com\\\/wp-content\\\/uploads\\\/2018\\\/09\\\/Supermercat-Residencia-Cornella-12.jpg&quot;,&quot;title&quot;:&quot;Tancaments en equipaments multiusos a Cornell\\u00e0 de Llobregat&quot;},{&quot;src&quot;:&quot;https:\\\/\\\/www.garciafaura.com\\\/wp-content\\\/uploads\\\/2018\\\/09\\\/Supermercat-Residencia-Cornella-11.jpg&quot;,&quot;title&quot;:&quot;Tancaments en equipaments multiusos a Cornell\\u00e0 de Llobregat&quot;},{&quot;src&quot;:&quot;https:\\\/\\\/www.garciafaura.com\\\/wp-content\\\/uploads\\\/2018\\\/09\\\/Supermercat-Residencia-Cornella-10.jpg&quot;,&quot;title&quot;:&quot;Tancaments en equipaments multiusos a Cornell\\u00e0 de Llobregat&quot;},{&quot;src&quot;:&quot;https:\\\/\\\/www.garciafaura.com\\\/wp-content\\\/uploads\\\/2018\\\/09\\\/Supermercat-Residencia-Cornella-09.jpg&quot;,&quot;title&quot;:&quot;Tancaments en equipaments multiusos a Cornell\\u00e0 de Llobregat&quot;},{&quot;src&quot;:&quot;https:\\\/\\\/www.garciafaura.com\\\/wp-content\\\/uploads\\\/2018\\\/09\\\/Supermercat-Residencia-Cornella-08.jpg&quot;,&quot;title&quot;:&quot;Tancaments en equipaments multiusos a Cornell\\u00e0 de Llobregat&quot;},{&quot;src&quot;:&quot;https:\\\/\\\/www.garciafaura.com\\\/wp-content\\\/uploads\\\/2018\\\/09\\\/Supermercat-Residencia-Cornella-07.jpg&quot;,&quot;title&quot;:&quot;Tancaments en equipaments multiusos a Cornell\\u00e0 de Llobregat&quot;},{&quot;src&quot;:&quot;https:\\\/\\\/www.garciafaura.com\\\/wp-content\\\/uploads\\\/2018\\\/09\\\/Supermercat-Residencia-Cornella-06.jpg&quot;,&quot;title&quot;:&quot;Tancaments en equipaments multiusos a Cornell\\u00e0 de Llobregat&quot;},{&quot;src&quot;:&quot;https:\\\/\\\/www.garciafaura.com\\\/wp-content\\\/uploads\\\/2018\\\/09\\\/Supermercat-Residencia-Cornella-05.jpg&quot;,&quot;title&quot;:&quot;Tancaments en equipaments multiusos a Cornell\\u00e0 de Llobregat&quot;},{&quot;src&quot;:&quot;https:\\\/\\\/www.garciafaura.com\\\/wp-content\\\/uploads\\\/2018\\\/09\\\/Supermercat-Residencia-Cornella-04.jpg&quot;,&quot;title&quot;:&quot;Tancaments en equipaments multiusos a Cornell\\u00e0 de Llobregat&quot;},{&quot;src&quot;:&quot;https:\\\/\\\/www.garciafaura.com\\\/wp-content\\\/uploads\\\/2018\\\/09\\\/Supermercat-Residencia-Cornella-03.jpg&quot;,&quot;title&quot;:&quot;Tancaments en equipaments multiusos a Cornell\\u00e0 de Llobregat&quot;},{&quot;src&quot;:&quot;https:\\\/\\\/www.garciafaura.com\\\/wp-content\\\/uploads\\\/2018\\\/09\\\/Supermercat-Residencia-Cornella-02.jpg&quot;,&quot;title&quot;:&quot;Tancaments en equipaments multiusos a Cornell\\u00e0 de Llobregat&quot;}]\"><img loading=\"lazy\" decoding=\"async\" data-no-lazy=\"1\" class=\"portfolio-entry-img skip-lazy\" src=\"https:\/\/www.garciafaura.com\/wp-content\/uploads\/2018\/09\/Supermercat-Residencia-Cornella-01-600x314.jpg\" alt=\"Fermetures Dans Immeuble Multiusage \u00e0 Cornell\u00e0 De Llobregat\" data-no-retina width=\"600\" height=\"314\" \/><\/a><\/div><div class=\"portfolio-entry-details entry-details wpex-clr\"><h2 class=\"portfolio-entry-title entry-title\"><a href=\"https:\/\/www.garciafaura.com\/fr\/portfolio-item\/supermarche-et-residence-a-cornella\/\" title=\"Supermarch\u00e9 et r\u00e9sidence \u00e0 Cornell\u00e0\">Supermarch\u00e9 et r\u00e9sidence \u00e0 Cornell\u00e0<\/a><\/h2><div class=\"portfolio-entry-categories entry-categories wpex-clr\"><a href=\"https:\/\/www.garciafaura.com\/fr\/portfolio-category\/batiments-corporatifs\/\" class=\"term-69\">B\u00e2timents Corporatifs<\/a><\/div><\/div><\/div><\/div><div class=\"portfolio-entry vcex-grid-item entry-has-details span_1_of_3 col col-2 vcex-isotope-entry vcex-no-margin-entry post-20662 entry type-portfolio has-media cat-69 translation_priority-5\"><div class=\"portfolio-entry-inner entry-inner wpex-clr\"><div class=\"portfolio-entry-media entry-media wpex-clr\"><a href=\"https:\/\/www.garciafaura.com\/wp-content\/uploads\/2018\/09\/Edifici-Ta\u0300nger-05.jpg\" title=\"Immeuble T\u00e0nger\" class=\"portfolio-entry-media-link wpex-lightbox-gallery\" data-gallery=\"[{&quot;src&quot;:&quot;https:\\\/\\\/www.garciafaura.com\\\/wp-content\\\/uploads\\\/2018\\\/09\\\/Edifici-Ta\\u0300nger-01.jpg&quot;},{&quot;src&quot;:&quot;https:\\\/\\\/www.garciafaura.com\\\/wp-content\\\/uploads\\\/2018\\\/09\\\/Edifici-Ta\\u0300nger-09.jpg&quot;},{&quot;src&quot;:&quot;https:\\\/\\\/www.garciafaura.com\\\/wp-content\\\/uploads\\\/2018\\\/09\\\/Edifici-Ta\\u0300nger-08.jpg&quot;},{&quot;src&quot;:&quot;https:\\\/\\\/www.garciafaura.com\\\/wp-content\\\/uploads\\\/2018\\\/09\\\/Edifici-Ta\\u0300nger-07.jpg&quot;},{&quot;src&quot;:&quot;https:\\\/\\\/www.garciafaura.com\\\/wp-content\\\/uploads\\\/2018\\\/09\\\/Edifici-Ta\\u0300nger-06.jpg&quot;},{&quot;src&quot;:&quot;https:\\\/\\\/www.garciafaura.com\\\/wp-content\\\/uploads\\\/2018\\\/09\\\/Edifici-Ta\\u0300nger-05.jpg&quot;},{&quot;src&quot;:&quot;https:\\\/\\\/www.garciafaura.com\\\/wp-content\\\/uploads\\\/2018\\\/09\\\/Edifici-Ta\\u0300nger-04.jpg&quot;},{&quot;src&quot;:&quot;https:\\\/\\\/www.garciafaura.com\\\/wp-content\\\/uploads\\\/2018\\\/09\\\/Edifici-Ta\\u0300nger-03.jpg&quot;},{&quot;src&quot;:&quot;https:\\\/\\\/www.garciafaura.com\\\/wp-content\\\/uploads\\\/2018\\\/09\\\/Edifici-Ta\\u0300nger-02.jpg&quot;}]\"><img loading=\"lazy\" decoding=\"async\" data-no-lazy=\"1\" class=\"portfolio-entry-img skip-lazy\" src=\"https:\/\/www.garciafaura.com\/wp-content\/uploads\/2018\/09\/Edifici-Ta\u0300nger-05-600x314.jpg\" alt='' data-no-retina width=\"600\" height=\"314\" \/><\/a><\/div><div class=\"portfolio-entry-details entry-details wpex-clr\"><h2 class=\"portfolio-entry-title entry-title\"><a href=\"https:\/\/www.garciafaura.com\/fr\/portfolio-item\/immeuble-tanger\/\" title=\"Immeuble T\u00e0nger\">Immeuble T\u00e0nger<\/a><\/h2><div class=\"portfolio-entry-categories entry-categories wpex-clr\"><a href=\"https:\/\/www.garciafaura.com\/fr\/portfolio-category\/batiments-corporatifs\/\" class=\"term-69\">B\u00e2timents Corporatifs<\/a><\/div><\/div><\/div><\/div><div class=\"portfolio-entry vcex-grid-item entry-has-details span_1_of_3 col col-3 vcex-isotope-entry vcex-no-margin-entry post-20535 entry type-portfolio has-media cat-69 translation_priority-5\"><div class=\"portfolio-entry-inner entry-inner wpex-clr\"><div class=\"portfolio-entry-media entry-media wpex-clr\"><a href=\"https:\/\/www.garciafaura.com\/wp-content\/uploads\/2018\/11\/Nova-planta-Gri\u0301fols-02.jpg\" title=\"Agrandissement usine Gr\u00edfols\" class=\"portfolio-entry-media-link wpex-lightbox-gallery\" data-gallery=\"[{&quot;src&quot;:&quot;https:\\\/\\\/www.garciafaura.com\\\/wp-content\\\/uploads\\\/2018\\\/11\\\/Nova-planta-Gri\\u0301fols-02.jpg&quot;}]\"><img loading=\"lazy\" decoding=\"async\" data-no-lazy=\"1\" class=\"portfolio-entry-img skip-lazy\" src=\"https:\/\/www.garciafaura.com\/wp-content\/uploads\/2018\/11\/Nova-planta-Gri\u0301fols-02.jpg\" alt='' data-no-retina width=\"600\" height=\"313\" \/><\/a><\/div><div class=\"portfolio-entry-details entry-details wpex-clr\"><h2 class=\"portfolio-entry-title entry-title\"><a href=\"https:\/\/www.garciafaura.com\/fr\/portfolio-item\/agrandissement-usine-grifols\/\" title=\"Agrandissement usine Gr\u00edfols\">Agrandissement usine Gr\u00edfols<\/a><\/h2><div class=\"portfolio-entry-categories entry-categories wpex-clr\"><a href=\"https:\/\/www.garciafaura.com\/fr\/portfolio-category\/batiments-corporatifs\/\" class=\"term-69\">B\u00e2timents Corporatifs<\/a><\/div><\/div><\/div><\/div><div class=\"portfolio-entry vcex-grid-item entry-has-details span_1_of_3 col col-1 vcex-isotope-entry vcex-no-margin-entry post-20526 entry type-portfolio has-media cat-69 cat-90 translation_priority-5\"><div class=\"portfolio-entry-inner entry-inner wpex-clr\"><div class=\"portfolio-entry-media entry-media wpex-clr\"><a href=\"https:\/\/www.garciafaura.com\/wp-content\/uploads\/2018\/11\/Rehabilitacio\u0301-Oficines-Daunert-01.jpg\" title=\"R\u00e9am\u00e9nagement Bureaux Daunert\" class=\"portfolio-entry-media-link wpex-lightbox-gallery\" data-gallery=\"[{&quot;src&quot;:&quot;https:\\\/\\\/www.garciafaura.com\\\/wp-content\\\/uploads\\\/2018\\\/11\\\/Rehabilitacio\\u0301-Oficines-Daunert-01.jpg&quot;},{&quot;src&quot;:&quot;https:\\\/\\\/www.garciafaura.com\\\/wp-content\\\/uploads\\\/2018\\\/11\\\/Rehabilitacio\\u0301-Oficines-Daunert-06.jpg&quot;},{&quot;src&quot;:&quot;https:\\\/\\\/www.garciafaura.com\\\/wp-content\\\/uploads\\\/2018\\\/11\\\/Rehabilitacio\\u0301-Oficines-Daunert-05.jpg&quot;},{&quot;src&quot;:&quot;https:\\\/\\\/www.garciafaura.com\\\/wp-content\\\/uploads\\\/2018\\\/11\\\/Rehabilitacio\\u0301-Oficines-Daunert-04.jpg&quot;},{&quot;src&quot;:&quot;https:\\\/\\\/www.garciafaura.com\\\/wp-content\\\/uploads\\\/2018\\\/11\\\/Rehabilitacio\\u0301-Oficines-Daunert-03.jpg&quot;},{&quot;src&quot;:&quot;https:\\\/\\\/www.garciafaura.com\\\/wp-content\\\/uploads\\\/2018\\\/11\\\/Rehabilitacio\\u0301-Oficines-Daunert-02.jpg&quot;}]\"><img loading=\"lazy\" decoding=\"async\" data-no-lazy=\"1\" class=\"portfolio-entry-img skip-lazy\" src=\"https:\/\/www.garciafaura.com\/wp-content\/uploads\/2018\/11\/Rehabilitacio\u0301-Oficines-Daunert-01-600x314.jpg\" alt='' data-no-retina width=\"600\" height=\"314\" \/><\/a><\/div><div class=\"portfolio-entry-details entry-details wpex-clr\"><h2 class=\"portfolio-entry-title entry-title\"><a href=\"https:\/\/www.garciafaura.com\/fr\/portfolio-item\/reamenagement-bureaux-daunert\/\" title=\"R\u00e9am\u00e9nagement Bureaux Daunert\">R\u00e9am\u00e9nagement Bureaux Daunert<\/a><\/h2><div class=\"portfolio-entry-categories entry-categories wpex-clr\"><a href=\"https:\/\/www.garciafaura.com\/fr\/portfolio-category\/batiments-corporatifs\/\" class=\"term-69\">B\u00e2timents Corporatifs<\/a><\/div><\/div><\/div><\/div><div class=\"portfolio-entry vcex-grid-item entry-has-details span_1_of_3 col col-2 vcex-isotope-entry vcex-no-margin-entry post-20509 entry type-portfolio has-media cat-69 cat-93 cat-95 translation_priority-5\"><div class=\"portfolio-entry-inner entry-inner wpex-clr\"><div class=\"portfolio-entry-media entry-media wpex-clr\"><a href=\"https:\/\/www.garciafaura.com\/wp-content\/uploads\/2018\/11\/Seu-Eninter-01.jpg\" title=\"Si\u00e8ge Eninter\" class=\"portfolio-entry-media-link wpex-lightbox-gallery\" data-gallery=\"[{&quot;src&quot;:&quot;https:\\\/\\\/www.garciafaura.com\\\/wp-content\\\/uploads\\\/2018\\\/11\\\/Seu-Eninter-01.jpg&quot;,&quot;title&quot;:&quot;Architecture ext\\u00e9rieure et fermetures pour Eninter \\u00e0 Cornell\\u00e0 de Llobregat&quot;},{&quot;src&quot;:&quot;https:\\\/\\\/www.garciafaura.com\\\/wp-content\\\/uploads\\\/2018\\\/11\\\/Seu-Eninter-02.jpg&quot;,&quot;title&quot;:&quot;Architecture ext\\u00e9rieure et fermetures pour Eninter \\u00e0 Cornell\\u00e0 de Llobregat&quot;},{&quot;src&quot;:&quot;https:\\\/\\\/www.garciafaura.com\\\/wp-content\\\/uploads\\\/2018\\\/11\\\/Seu-Eninter-03.jpg&quot;,&quot;title&quot;:&quot;Architecture ext\\u00e9rieure et fermetures pour Eninter \\u00e0 Cornell\\u00e0 de Llobregat&quot;}]\"><img loading=\"lazy\" decoding=\"async\" data-no-lazy=\"1\" class=\"portfolio-entry-img skip-lazy\" src=\"https:\/\/www.garciafaura.com\/wp-content\/uploads\/2018\/11\/Seu-Eninter-01-600x314.jpg\" alt=\"Architecture Ext\u00e9rieure Et Fermetures Pour Eninter \u00e0 Cornell\u00e0 De Llobregat\" data-no-retina width=\"600\" height=\"314\" \/><\/a><\/div><div class=\"portfolio-entry-details entry-details wpex-clr\"><h2 class=\"portfolio-entry-title entry-title\"><a href=\"https:\/\/www.garciafaura.com\/fr\/portfolio-item\/siege-eninter\/\" title=\"Si\u00e8ge Eninter\">Si\u00e8ge Eninter<\/a><\/h2><div class=\"portfolio-entry-categories entry-categories wpex-clr\"><a href=\"https:\/\/www.garciafaura.com\/fr\/portfolio-category\/batiments-corporatifs\/\" class=\"term-69\">B\u00e2timents Corporatifs<\/a><\/div><\/div><\/div><\/div><div class=\"portfolio-entry vcex-grid-item entry-has-details span_1_of_3 col col-3 vcex-isotope-entry vcex-no-margin-entry post-20506 entry type-portfolio has-media cat-69 cat-93 translation_priority-5\"><div class=\"portfolio-entry-inner entry-inner wpex-clr\"><div class=\"portfolio-entry-media entry-media wpex-clr\"><a href=\"https:\/\/www.garciafaura.com\/wp-content\/uploads\/2018\/11\/Oficines-Palau-Blaugrana-01.jpg\" title=\"Bureaux Palau Blaugrana\" class=\"portfolio-entry-media-link wpex-lightbox-gallery\" data-gallery=\"[{&quot;src&quot;:&quot;https:\\\/\\\/www.garciafaura.com\\\/wp-content\\\/uploads\\\/2018\\\/11\\\/Oficines-Palau-Blaugrana-01.jpg&quot;,&quot;title&quot;:&quot;Nouveaux services pour les installations du FC Barcelona&quot;},{&quot;src&quot;:&quot;https:\\\/\\\/www.garciafaura.com\\\/wp-content\\\/uploads\\\/2018\\\/11\\\/Oficines-Palau-Blaugrana-03.jpg&quot;,&quot;title&quot;:&quot;Nouveaux services pour les installations du FC Barcelona&quot;},{&quot;src&quot;:&quot;https:\\\/\\\/www.garciafaura.com\\\/wp-content\\\/uploads\\\/2018\\\/11\\\/Oficines-Palau-Blaugrana-02.jpg&quot;,&quot;title&quot;:&quot;Nouveaux services pour les installations du FC Barcelona&quot;}]\"><img decoding=\"async\" data-no-lazy=\"1\" class=\"portfolio-entry-img skip-lazy\" src=\"https:\/\/www.garciafaura.com\/wp-content\/uploads\/2018\/11\/Oficines-Palau-Blaugrana-01-x.jpg\" alt=\"Nouveaux Services Pour Les Installations Du FC Barcelona\" data-no-retina \/><\/a><\/div><div class=\"portfolio-entry-details entry-details wpex-clr\"><h2 class=\"portfolio-entry-title entry-title\"><a href=\"https:\/\/www.garciafaura.com\/fr\/portfolio-item\/bureaux-palau-blaugrana\/\" title=\"Bureaux Palau Blaugrana\">Bureaux Palau Blaugrana<\/a><\/h2><div class=\"portfolio-entry-categories entry-categories wpex-clr\"><a href=\"https:\/\/www.garciafaura.com\/fr\/portfolio-category\/batiments-corporatifs\/\" class=\"term-69\">B\u00e2timents Corporatifs<\/a><\/div><\/div><\/div><\/div><div class=\"portfolio-entry vcex-grid-item entry-has-details span_1_of_3 col col-1 vcex-isotope-entry vcex-no-margin-entry post-20495 entry type-portfolio has-media cat-69 translation_priority-5\"><div class=\"portfolio-entry-inner entry-inner wpex-clr\"><div class=\"portfolio-entry-media entry-media wpex-clr\"><a href=\"https:\/\/www.garciafaura.com\/wp-content\/uploads\/2018\/11\/Espai-Social-Futbol-Club-Barcelona-05.jpg\" title=\"Espace Social FC Barcelona\" class=\"portfolio-entry-media-link wpex-lightbox-gallery\" data-gallery=\"[{&quot;src&quot;:&quot;https:\\\/\\\/www.garciafaura.com\\\/wp-content\\\/uploads\\\/2018\\\/11\\\/Espai-Social-Futbol-Club-Barcelona-05.jpg&quot;,&quot;title&quot;:&quot;Rev\\u00eatement de fa\\u00e7ades et fermetures pour le nouvel espace social du Bar\\u00e7a&quot;},{&quot;src&quot;:&quot;https:\\\/\\\/www.garciafaura.com\\\/wp-content\\\/uploads\\\/2018\\\/11\\\/Espai-Social-Futbol-Club-Barcelona-04.jpg&quot;,&quot;title&quot;:&quot;Rev\\u00eatement de fa\\u00e7ades et fermetures pour le nouvel espace social du Bar\\u00e7a&quot;},{&quot;src&quot;:&quot;https:\\\/\\\/www.garciafaura.com\\\/wp-content\\\/uploads\\\/2018\\\/11\\\/Espai-Social-Futbol-Club-Barcelona-03.jpg&quot;,&quot;title&quot;:&quot;Rev\\u00eatement de fa\\u00e7ades et fermetures pour le nouvel espace social du Bar\\u00e7a&quot;},{&quot;src&quot;:&quot;https:\\\/\\\/www.garciafaura.com\\\/wp-content\\\/uploads\\\/2018\\\/11\\\/Espai-Social-Futbol-Club-Barcelona-02.jpg&quot;,&quot;title&quot;:&quot;Rev\\u00eatement de fa\\u00e7ades et fermetures pour le nouvel espace social du Bar\\u00e7a&quot;},{&quot;src&quot;:&quot;https:\\\/\\\/www.garciafaura.com\\\/wp-content\\\/uploads\\\/2018\\\/11\\\/Espai-Social-Futbol-Club-Barcelona-01.jpg&quot;,&quot;title&quot;:&quot;Rev\\u00eatement de fa\\u00e7ades et fermetures pour le nouvel espace social du Bar\\u00e7a&quot;}]\"><img loading=\"lazy\" decoding=\"async\" data-no-lazy=\"1\" class=\"portfolio-entry-img skip-lazy\" src=\"https:\/\/www.garciafaura.com\/wp-content\/uploads\/2018\/11\/Espai-Social-Futbol-Club-Barcelona-05-600x314.jpg\" alt=\"Rev\u00eatement De Fa\u00e7ades Et Fermetures Pour Le Nouvel Espace Social Du Bar\u00e7a\" data-no-retina width=\"600\" height=\"314\" \/><\/a><\/div><div class=\"portfolio-entry-details entry-details wpex-clr\"><h2 class=\"portfolio-entry-title entry-title\"><a href=\"https:\/\/www.garciafaura.com\/fr\/portfolio-item\/espace-social-fc-barcelona\/\" title=\"Espace Social FC Barcelona\">Espace Social FC Barcelona<\/a><\/h2><div class=\"portfolio-entry-categories entry-categories wpex-clr\"><a href=\"https:\/\/www.garciafaura.com\/fr\/portfolio-category\/batiments-corporatifs\/\" class=\"term-69\">B\u00e2timents Corporatifs<\/a><\/div><\/div><\/div><\/div><div class=\"portfolio-entry vcex-grid-item entry-has-details span_1_of_3 col col-2 vcex-isotope-entry vcex-no-margin-entry post-20467 entry type-portfolio has-media cat-69 cat-93 cat-97 cat-98 translation_priority-5\"><div class=\"portfolio-entry-inner entry-inner wpex-clr\"><div class=\"portfolio-entry-media entry-media wpex-clr\"><a href=\"https:\/\/www.garciafaura.com\/wp-content\/uploads\/2018\/11\/Colombia-Centro-Empresarial-99-01.jpg\" title=\"Centre d&rsquo;affaires 99\" class=\"portfolio-entry-media-link wpex-lightbox-gallery\" data-gallery=\"[{&quot;src&quot;:&quot;https:\\\/\\\/www.garciafaura.com\\\/wp-content\\\/uploads\\\/2018\\\/11\\\/Colombia-Centro-Empresarial-99-01.jpg&quot;,&quot;title&quot;:&quot;Plus de 1400 m\\u00b2 de mur-rideau de capot horizontal de type aile d&#039;avion&quot;},{&quot;src&quot;:&quot;https:\\\/\\\/www.garciafaura.com\\\/wp-content\\\/uploads\\\/2018\\\/11\\\/Colombia-Centro-Empresarial-99-19.jpg&quot;,&quot;title&quot;:&quot;Plus de 1400 m\\u00b2 de mur-rideau de capot horizontal de type aile d&#039;avion&quot;},{&quot;src&quot;:&quot;https:\\\/\\\/www.garciafaura.com\\\/wp-content\\\/uploads\\\/2018\\\/11\\\/Colombia-Centro-Empresarial-99-18.jpg&quot;,&quot;title&quot;:&quot;Plus de 1400 m\\u00b2 de mur-rideau de capot horizontal de type aile d&#039;avion&quot;},{&quot;src&quot;:&quot;https:\\\/\\\/www.garciafaura.com\\\/wp-content\\\/uploads\\\/2018\\\/11\\\/Colombia-Centro-Empresarial-99-17.jpg&quot;,&quot;title&quot;:&quot;Plus de 1400 m\\u00b2 de mur-rideau de capot horizontal de type aile d&#039;avion&quot;},{&quot;src&quot;:&quot;https:\\\/\\\/www.garciafaura.com\\\/wp-content\\\/uploads\\\/2018\\\/11\\\/Colombia-Centro-Empresarial-99-16.jpg&quot;,&quot;title&quot;:&quot;Plus de 1400 m\\u00b2 de mur-rideau de capot horizontal de type aile d&#039;avion&quot;},{&quot;src&quot;:&quot;https:\\\/\\\/www.garciafaura.com\\\/wp-content\\\/uploads\\\/2018\\\/11\\\/Colombia-Centro-Empresarial-99-15.jpg&quot;,&quot;title&quot;:&quot;Plus de 1400 m\\u00b2 de mur-rideau de capot horizontal de type aile d&#039;avion&quot;},{&quot;src&quot;:&quot;https:\\\/\\\/www.garciafaura.com\\\/wp-content\\\/uploads\\\/2018\\\/11\\\/Colombia-Centro-Empresarial-99-14.jpg&quot;,&quot;title&quot;:&quot;Plus de 1400 m\\u00b2 de mur-rideau de capot horizontal de type aile d&#039;avion&quot;},{&quot;src&quot;:&quot;https:\\\/\\\/www.garciafaura.com\\\/wp-content\\\/uploads\\\/2018\\\/11\\\/Colombia-Centro-Empresarial-99-13.jpg&quot;,&quot;title&quot;:&quot;Plus de 1400 m\\u00b2 de mur-rideau de capot horizontal de type aile d&#039;avion&quot;},{&quot;src&quot;:&quot;https:\\\/\\\/www.garciafaura.com\\\/wp-content\\\/uploads\\\/2018\\\/11\\\/Colombia-Centro-Empresarial-99-12.jpg&quot;,&quot;title&quot;:&quot;Plus de 1400 m\\u00b2 de mur-rideau de capot horizontal de type aile d&#039;avion&quot;},{&quot;src&quot;:&quot;https:\\\/\\\/www.garciafaura.com\\\/wp-content\\\/uploads\\\/2018\\\/11\\\/Colombia-Centro-Empresarial-99-11.jpg&quot;,&quot;title&quot;:&quot;Plus de 1400 m\\u00b2 de mur-rideau de capot horizontal de type aile d&#039;avion&quot;},{&quot;src&quot;:&quot;https:\\\/\\\/www.garciafaura.com\\\/wp-content\\\/uploads\\\/2018\\\/11\\\/Colombia-Centro-Empresarial-99-10.jpg&quot;,&quot;title&quot;:&quot;Plus de 1400 m\\u00b2 de mur-rideau de capot horizontal de type aile d&#039;avion&quot;},{&quot;src&quot;:&quot;https:\\\/\\\/www.garciafaura.com\\\/wp-content\\\/uploads\\\/2018\\\/11\\\/Colombia-Centro-Empresarial-99-09.jpg&quot;,&quot;title&quot;:&quot;Plus de 1400 m\\u00b2 de mur-rideau de capot horizontal de type aile d&#039;avion&quot;},{&quot;src&quot;:&quot;https:\\\/\\\/www.garciafaura.com\\\/wp-content\\\/uploads\\\/2018\\\/11\\\/Colombia-Centro-Empresarial-99-08.jpg&quot;,&quot;title&quot;:&quot;Plus de 1400 m\\u00b2 de mur-rideau de capot horizontal de type aile d&#039;avion&quot;},{&quot;src&quot;:&quot;https:\\\/\\\/www.garciafaura.com\\\/wp-content\\\/uploads\\\/2018\\\/11\\\/Colombia-Centro-Empresarial-99-07.jpg&quot;,&quot;title&quot;:&quot;Plus de 1400 m\\u00b2 de mur-rideau de capot horizontal de type aile d&#039;avion&quot;},{&quot;src&quot;:&quot;https:\\\/\\\/www.garciafaura.com\\\/wp-content\\\/uploads\\\/2018\\\/11\\\/Colombia-Centro-Empresarial-99-06.jpg&quot;,&quot;title&quot;:&quot;Plus de 1400 m\\u00b2 de mur-rideau de capot horizontal de type aile d&#039;avion&quot;},{&quot;src&quot;:&quot;https:\\\/\\\/www.garciafaura.com\\\/wp-content\\\/uploads\\\/2018\\\/11\\\/Colombia-Centro-Empresarial-99-05.jpg&quot;,&quot;title&quot;:&quot;Plus de 1400 m\\u00b2 de mur-rideau de capot horizontal de type aile d&#039;avion&quot;},{&quot;src&quot;:&quot;https:\\\/\\\/www.garciafaura.com\\\/wp-content\\\/uploads\\\/2018\\\/11\\\/Colombia-Centro-Empresarial-99-04.jpg&quot;,&quot;title&quot;:&quot;Plus de 1400 m\\u00b2 de mur-rideau de capot horizontal de type aile d&#039;avion&quot;},{&quot;src&quot;:&quot;https:\\\/\\\/www.garciafaura.com\\\/wp-content\\\/uploads\\\/2018\\\/11\\\/Colombia-Centro-Empresarial-99-03.jpg&quot;,&quot;title&quot;:&quot;Plus de 1400 m\\u00b2 de mur-rideau de capot horizontal de type aile d&#039;avion&quot;},{&quot;src&quot;:&quot;https:\\\/\\\/www.garciafaura.com\\\/wp-content\\\/uploads\\\/2018\\\/11\\\/Colombia-Centro-Empresarial-99-02.jpg&quot;,&quot;title&quot;:&quot;Plus de 1400 m\\u00b2 de mur-rideau de capot horizontal de type aile d&#039;avion&quot;}]\"><img loading=\"lazy\" decoding=\"async\" data-no-lazy=\"1\" class=\"portfolio-entry-img skip-lazy\" src=\"https:\/\/www.garciafaura.com\/wp-content\/uploads\/2018\/11\/Colombia-Centro-Empresarial-99-01-600x314.jpg\" alt=\"Plus De 1400 M\u00b2 De Mur-rideau De Capot Horizontal De Type Aile D'avion\" data-no-retina width=\"600\" height=\"314\" \/><\/a><\/div><div class=\"portfolio-entry-details entry-details wpex-clr\"><h2 class=\"portfolio-entry-title entry-title\"><a href=\"https:\/\/www.garciafaura.com\/fr\/portfolio-item\/centre-daffaires-99\/\" title=\"Centre d&rsquo;affaires 99\">Centre d&rsquo;affaires 99<\/a><\/h2><div class=\"portfolio-entry-categories entry-categories wpex-clr\"><a href=\"https:\/\/www.garciafaura.com\/fr\/portfolio-category\/batiments-corporatifs\/\" class=\"term-69\">B\u00e2timents Corporatifs<\/a><\/div><\/div><\/div><\/div><div class=\"portfolio-entry vcex-grid-item entry-has-details span_1_of_3 col col-3 vcex-isotope-entry vcex-no-margin-entry post-20461 entry type-portfolio has-media cat-69 cat-102 cat-93 cat-95 cat-97 cat-98 cat-90 cat-101 translation_priority-5\"><div class=\"portfolio-entry-inner entry-inner wpex-clr\"><div class=\"portfolio-entry-media entry-media wpex-clr\"><a href=\"https:\/\/www.garciafaura.com\/wp-content\/uploads\/2019\/04\/02-Oficines-Boulevard-Grenelle-FotoSimonGarcia_arqfoto.jpg\" title=\"Boulevard Grenelle\" class=\"portfolio-entry-media-link wpex-lightbox-gallery\" data-gallery=\"[{&quot;src&quot;:&quot;https:\\\/\\\/www.garciafaura.com\\\/wp-content\\\/uploads\\\/2019\\\/04\\\/02-Oficines-Boulevard-Grenelle-FotoSimonGarcia_arqfoto.jpg&quot;,&quot;caption&quot;:&quot;\\u00a9 Simon Garcia | arqfoto.com&quot;},{&quot;src&quot;:&quot;https:\\\/\\\/www.garciafaura.com\\\/wp-content\\\/uploads\\\/2019\\\/04\\\/01-Oficines-Boulevard-Grenelle-FotoSimonGarcia_arqfoto.jpg&quot;,&quot;caption&quot;:&quot;\\u00a9 Simon Garcia | arqfoto.com&quot;},{&quot;src&quot;:&quot;https:\\\/\\\/www.garciafaura.com\\\/wp-content\\\/uploads\\\/2019\\\/04\\\/10-Oficines-Boulevard-Grenelle-FotoSimonGarcia_arqfoto.jpg&quot;,&quot;caption&quot;:&quot;\\u00a9 Simon Garcia | arqfoto.com&quot;},{&quot;src&quot;:&quot;https:\\\/\\\/www.garciafaura.com\\\/wp-content\\\/uploads\\\/2019\\\/04\\\/09-Oficines-Boulevard-Grenelle-FotoSimonGarcia_arqfoto.jpg&quot;,&quot;caption&quot;:&quot;\\u00a9 Simon Garcia | arqfoto.com&quot;},{&quot;src&quot;:&quot;https:\\\/\\\/www.garciafaura.com\\\/wp-content\\\/uploads\\\/2019\\\/04\\\/08-Oficines-Boulevard-Grenelle-FotoSimonGarcia_arqfoto.jpg&quot;,&quot;caption&quot;:&quot;\\u00a9 Simon Garcia | arqfoto.com&quot;},{&quot;src&quot;:&quot;https:\\\/\\\/www.garciafaura.com\\\/wp-content\\\/uploads\\\/2019\\\/04\\\/07-Oficines-Boulevard-Grenelle-FotoSimonGarcia_arqfoto.jpg&quot;,&quot;caption&quot;:&quot;\\u00a9 Simon Garcia | arqfoto.com&quot;},{&quot;src&quot;:&quot;https:\\\/\\\/www.garciafaura.com\\\/wp-content\\\/uploads\\\/2019\\\/04\\\/06-Oficines-Boulevard-Grenelle-FotoSimonGarcia_arqfoto.jpg&quot;,&quot;caption&quot;:&quot;\\u00a9 Simon Garcia | arqfoto.com&quot;},{&quot;src&quot;:&quot;https:\\\/\\\/www.garciafaura.com\\\/wp-content\\\/uploads\\\/2019\\\/04\\\/05-Oficines-Boulevard-Grenelle-FotoSimonGarcia_arqfoto.jpg&quot;,&quot;caption&quot;:&quot;\\u00a9 Simon Garcia | arqfoto.com&quot;},{&quot;src&quot;:&quot;https:\\\/\\\/www.garciafaura.com\\\/wp-content\\\/uploads\\\/2019\\\/04\\\/04-Oficines-Boulevard-Grenelle-FotoSimonGarcia_arqfoto.jpg&quot;,&quot;caption&quot;:&quot;\\u00a9 Simon Garcia | arqfoto.com&quot;},{&quot;src&quot;:&quot;https:\\\/\\\/www.garciafaura.com\\\/wp-content\\\/uploads\\\/2019\\\/04\\\/03-Oficines-Boulevard-Grenelle-FotoSimonGarcia_arqfoto.jpg&quot;,&quot;caption&quot;:&quot;\\u00a9 Simon Garcia | arqfoto.com&quot;}]\"><img loading=\"lazy\" decoding=\"async\" data-no-lazy=\"1\" class=\"portfolio-entry-img skip-lazy\" src=\"https:\/\/www.garciafaura.com\/wp-content\/uploads\/2019\/04\/02-Oficines-Boulevard-Grenelle-FotoSimonGarcia_arqfoto-600x314.jpg\" alt='' data-no-retina width=\"600\" height=\"314\" \/><\/a><\/div><div class=\"portfolio-entry-details entry-details wpex-clr\"><h2 class=\"portfolio-entry-title entry-title\"><a href=\"https:\/\/www.garciafaura.com\/fr\/portfolio-item\/boulevard-grenelle\/\" title=\"Boulevard Grenelle\">Boulevard Grenelle<\/a><\/h2><div class=\"portfolio-entry-categories entry-categories wpex-clr\"><a href=\"https:\/\/www.garciafaura.com\/fr\/portfolio-category\/international-remarquable\/\" class=\"term-98\">International Remarquable<\/a><\/div><\/div><\/div><\/div><div class=\"portfolio-entry vcex-grid-item entry-has-details span_1_of_3 col col-1 vcex-isotope-entry vcex-no-margin-entry post-20458 entry type-portfolio has-media cat-69 cat-90 translation_priority-5\"><div class=\"portfolio-entry-inner entry-inner wpex-clr\"><div class=\"portfolio-entry-media entry-media wpex-clr\"><a href=\"https:\/\/www.garciafaura.com\/wp-content\/uploads\/2019\/04\/Pedralbes-Centre-01.jpg\" title=\"R\u00e9novation Pedralbes Centre\" class=\"portfolio-entry-media-link wpex-lightbox-gallery\" data-gallery=\"[{&quot;src&quot;:&quot;https:\\\/\\\/www.garciafaura.com\\\/wp-content\\\/uploads\\\/2019\\\/04\\\/Pedralbes-Centre-01.jpg&quot;,&quot;title&quot;:&quot;Treballs de reforma de centre comercial a Barcelona&quot;},{&quot;src&quot;:&quot;https:\\\/\\\/www.garciafaura.com\\\/wp-content\\\/uploads\\\/2019\\\/04\\\/Pedralbes-Centre-10.jpg&quot;,&quot;title&quot;:&quot;Treballs de reforma de centre comercial a Barcelona&quot;},{&quot;src&quot;:&quot;https:\\\/\\\/www.garciafaura.com\\\/wp-content\\\/uploads\\\/2019\\\/04\\\/Pedralbes-Centre-09.jpg&quot;,&quot;title&quot;:&quot;Treballs de reforma de centre comercial a Barcelona&quot;},{&quot;src&quot;:&quot;https:\\\/\\\/www.garciafaura.com\\\/wp-content\\\/uploads\\\/2019\\\/04\\\/Pedralbes-Centre-08.jpg&quot;,&quot;title&quot;:&quot;Treballs de reforma de centre comercial a Barcelona&quot;},{&quot;src&quot;:&quot;https:\\\/\\\/www.garciafaura.com\\\/wp-content\\\/uploads\\\/2019\\\/04\\\/Pedralbes-Centre-07.jpg&quot;,&quot;title&quot;:&quot;Treballs de reforma de centre comercial a Barcelona&quot;},{&quot;src&quot;:&quot;https:\\\/\\\/www.garciafaura.com\\\/wp-content\\\/uploads\\\/2019\\\/04\\\/Pedralbes-Centre-06.jpg&quot;,&quot;title&quot;:&quot;Treballs de reforma de centre comercial a Barcelona&quot;},{&quot;src&quot;:&quot;https:\\\/\\\/www.garciafaura.com\\\/wp-content\\\/uploads\\\/2019\\\/04\\\/Pedralbes-Centre-05.jpg&quot;,&quot;title&quot;:&quot;Treballs de reforma de centre comercial a Barcelona&quot;},{&quot;src&quot;:&quot;https:\\\/\\\/www.garciafaura.com\\\/wp-content\\\/uploads\\\/2019\\\/04\\\/Pedralbes-Centre-04.jpg&quot;,&quot;title&quot;:&quot;Treballs de reforma de centre comercial a Barcelona&quot;},{&quot;src&quot;:&quot;https:\\\/\\\/www.garciafaura.com\\\/wp-content\\\/uploads\\\/2019\\\/04\\\/Pedralbes-Centre-03.jpg&quot;,&quot;title&quot;:&quot;Treballs de reforma de centre comercial a Barcelona&quot;},{&quot;src&quot;:&quot;https:\\\/\\\/www.garciafaura.com\\\/wp-content\\\/uploads\\\/2019\\\/04\\\/Pedralbes-Centre-02.jpg&quot;,&quot;title&quot;:&quot;Treballs de reforma de centre comercial a Barcelona&quot;}]\"><img loading=\"lazy\" decoding=\"async\" data-no-lazy=\"1\" class=\"portfolio-entry-img skip-lazy\" src=\"https:\/\/www.garciafaura.com\/wp-content\/uploads\/2019\/04\/Pedralbes-Centre-01-600x314.jpg\" alt=\"Treballs De Reforma De Centre Comercial A Barcelona\" data-no-retina width=\"600\" height=\"314\" \/><\/a><\/div><div class=\"portfolio-entry-details entry-details wpex-clr\"><h2 class=\"portfolio-entry-title entry-title\"><a href=\"https:\/\/www.garciafaura.com\/fr\/portfolio-item\/renovation-pedralbes-centre\/\" title=\"R\u00e9novation Pedralbes Centre\">R\u00e9novation Pedralbes Centre<\/a><\/h2><div class=\"portfolio-entry-categories entry-categories wpex-clr\"><a href=\"https:\/\/www.garciafaura.com\/fr\/portfolio-category\/batiments-corporatifs\/\" class=\"term-69\">B\u00e2timents Corporatifs<\/a><\/div><\/div><\/div><\/div><div class=\"portfolio-entry vcex-grid-item entry-has-details span_1_of_3 col col-2 vcex-isotope-entry vcex-no-margin-entry post-20455 entry type-portfolio has-media cat-69 cat-97 cat-98 translation_priority-5\"><div class=\"portfolio-entry-inner entry-inner wpex-clr\"><div class=\"portfolio-entry-media entry-media wpex-clr\"><a href=\"https:\/\/www.garciafaura.com\/wp-content\/uploads\/2021\/11\/Archipel-Nanterre-Garcia-Faura-Vinci-01-scaled.jpg\" title=\"Projet Archipel\" class=\"portfolio-entry-media-link wpex-lightbox-gallery\" data-gallery=\"[{&quot;src&quot;:&quot;https:\\\/\\\/www.garciafaura.com\\\/wp-content\\\/uploads\\\/2021\\\/11\\\/Archipel-Nanterre-Garcia-Faura-Vinci-01-scaled.jpg&quot;,&quot;title&quot;:&quot;Archipel Nanterre Garcia Faura Vinci-01&quot;},{&quot;src&quot;:&quot;https:\\\/\\\/www.garciafaura.com\\\/wp-content\\\/uploads\\\/2021\\\/11\\\/Archipel-Nanterre-Garcia-Faura-Vinci-05-scaled.jpg&quot;,&quot;title&quot;:&quot;Archipel Nanterre Garcia Faura Vinci-01&quot;},{&quot;src&quot;:&quot;https:\\\/\\\/www.garciafaura.com\\\/wp-content\\\/uploads\\\/2021\\\/11\\\/Archipel-Nanterre-Garcia-Faura-Vinci-04-scaled.jpg&quot;,&quot;title&quot;:&quot;Archipel Nanterre Garcia Faura Vinci-01&quot;},{&quot;src&quot;:&quot;https:\\\/\\\/www.garciafaura.com\\\/wp-content\\\/uploads\\\/2021\\\/11\\\/Archipel-Nanterre-Garcia-Faura-Vinci-03-scaled.jpg&quot;,&quot;title&quot;:&quot;Archipel Nanterre Garcia Faura Vinci-01&quot;},{&quot;src&quot;:&quot;https:\\\/\\\/www.garciafaura.com\\\/wp-content\\\/uploads\\\/2021\\\/11\\\/Archipel-Nanterre-Garcia-Faura-Vinci-02-scaled.jpg&quot;,&quot;title&quot;:&quot;Archipel Nanterre Garcia Faura Vinci-01&quot;}]\"><img loading=\"lazy\" decoding=\"async\" data-no-lazy=\"1\" class=\"portfolio-entry-img skip-lazy\" src=\"https:\/\/www.garciafaura.com\/wp-content\/uploads\/2021\/11\/Archipel-Nanterre-Garcia-Faura-Vinci-01-scaled-600x314.jpg\" alt=\"Archipel Nanterre Garcia Faura Vinci-01\" data-no-retina width=\"600\" height=\"314\" \/><\/a><\/div><div class=\"portfolio-entry-details entry-details wpex-clr\"><h2 class=\"portfolio-entry-title entry-title\"><a href=\"https:\/\/www.garciafaura.com\/fr\/portfolio-item\/projet-archipel\/\" title=\"Projet Archipel\">Projet Archipel<\/a><\/h2><div class=\"portfolio-entry-categories entry-categories wpex-clr\"><a href=\"https:\/\/www.garciafaura.com\/fr\/portfolio-category\/batiments-corporatifs\/\" class=\"term-69\">B\u00e2timents Corporatifs<\/a><\/div><\/div><\/div><\/div><div class=\"portfolio-entry vcex-grid-item entry-has-details span_1_of_3 col col-3 vcex-isotope-entry vcex-no-margin-entry post-20448 entry type-portfolio has-media cat-69 translation_priority-5\"><div class=\"portfolio-entry-inner entry-inner wpex-clr\"><div class=\"portfolio-entry-media entry-media wpex-clr\"><a href=\"https:\/\/www.garciafaura.com\/wp-content\/uploads\/2019\/04\/Seu-Natura-Bisse-01.jpg\" title=\"Si\u00e8ge Natura Biss\u00e9\" class=\"portfolio-entry-media-link wpex-lightbox-gallery\" data-gallery=\"[{&quot;src&quot;:&quot;https:\\\/\\\/www.garciafaura.com\\\/wp-content\\\/uploads\\\/2019\\\/04\\\/Seu-Natura-Bisse-01.jpg&quot;,&quot;title&quot;:&quot;D\\u00e9veloppement, fabrication et installation de fa\\u00e7ade, deuxi\\u00e8me peau m\\u00e9tallique et fermetures pour le nouveau si\\u00e8ge de cette entreprise de cosm\\u00e9tiques haut de gamme, \\u00e0 Cerdanyola del Vall\\u00e8s&quot;},{&quot;src&quot;:&quot;https:\\\/\\\/www.garciafaura.com\\\/wp-content\\\/uploads\\\/2019\\\/04\\\/Seu-Natura-Bisse-07.jpg&quot;,&quot;title&quot;:&quot;D\\u00e9veloppement, fabrication et installation de fa\\u00e7ade, deuxi\\u00e8me peau m\\u00e9tallique et fermetures pour le nouveau si\\u00e8ge de cette entreprise de cosm\\u00e9tiques haut de gamme, \\u00e0 Cerdanyola del Vall\\u00e8s&quot;},{&quot;src&quot;:&quot;https:\\\/\\\/www.garciafaura.com\\\/wp-content\\\/uploads\\\/2019\\\/04\\\/Seu-Natura-Bisse-06.jpg&quot;,&quot;title&quot;:&quot;D\\u00e9veloppement, fabrication et installation de fa\\u00e7ade, deuxi\\u00e8me peau m\\u00e9tallique et fermetures pour le nouveau si\\u00e8ge de cette entreprise de cosm\\u00e9tiques haut de gamme, \\u00e0 Cerdanyola del Vall\\u00e8s&quot;},{&quot;src&quot;:&quot;https:\\\/\\\/www.garciafaura.com\\\/wp-content\\\/uploads\\\/2019\\\/04\\\/Seu-Natura-Bisse-05.jpg&quot;,&quot;title&quot;:&quot;D\\u00e9veloppement, fabrication et installation de fa\\u00e7ade, deuxi\\u00e8me peau m\\u00e9tallique et fermetures pour le nouveau si\\u00e8ge de cette entreprise de cosm\\u00e9tiques haut de gamme, \\u00e0 Cerdanyola del Vall\\u00e8s&quot;},{&quot;src&quot;:&quot;https:\\\/\\\/www.garciafaura.com\\\/wp-content\\\/uploads\\\/2019\\\/04\\\/Seu-Natura-Bisse-02.jpg&quot;,&quot;title&quot;:&quot;D\\u00e9veloppement, fabrication et installation de fa\\u00e7ade, deuxi\\u00e8me peau m\\u00e9tallique et fermetures pour le nouveau si\\u00e8ge de cette entreprise de cosm\\u00e9tiques haut de gamme, \\u00e0 Cerdanyola del Vall\\u00e8s&quot;}]\"><img loading=\"lazy\" decoding=\"async\" data-no-lazy=\"1\" class=\"portfolio-entry-img skip-lazy\" src=\"https:\/\/www.garciafaura.com\/wp-content\/uploads\/2019\/04\/Seu-Natura-Bisse-01-600x314.jpg\" alt=\"D\u00e9veloppement, Fabrication Et Installation De Fa\u00e7ade, Deuxi\u00e8me Peau M\u00e9tallique Et Fermetures Pour Le Nouveau Si\u00e8ge De Cette Entreprise De Cosm\u00e9tiques Haut De Gamme, \u00e0 Cerdanyola Del Vall\u00e8s\" data-no-retina width=\"600\" height=\"314\" \/><\/a><\/div><div class=\"portfolio-entry-details entry-details wpex-clr\"><h2 class=\"portfolio-entry-title entry-title\"><a href=\"https:\/\/www.garciafaura.com\/fr\/portfolio-item\/siege-natura-bisse\/\" title=\"Si\u00e8ge Natura Biss\u00e9\">Si\u00e8ge Natura Biss\u00e9<\/a><\/h2><div class=\"portfolio-entry-categories entry-categories wpex-clr\"><a href=\"https:\/\/www.garciafaura.com\/fr\/portfolio-category\/batiments-corporatifs\/\" class=\"term-69\">B\u00e2timents Corporatifs<\/a><\/div><\/div><\/div><\/div><div class=\"portfolio-entry vcex-grid-item entry-has-details span_1_of_3 col col-1 vcex-isotope-entry vcex-no-margin-entry post-20444 entry type-portfolio has-media cat-69 cat-102 cat-97 cat-98 cat-90 cat-101 translation_priority-5\"><div class=\"portfolio-entry-inner entry-inner wpex-clr\"><div class=\"portfolio-entry-media entry-media wpex-clr\"><a href=\"https:\/\/www.garciafaura.com\/wp-content\/uploads\/2019\/04\/01-BoulevardHaussmann-FotoSimonGarcia_arqfoto.jpg\" title=\"R\u00e9habilitation Bulevard Haussmann\" class=\"portfolio-entry-media-link wpex-lightbox-gallery\" data-gallery=\"[{&quot;src&quot;:&quot;https:\\\/\\\/www.garciafaura.com\\\/wp-content\\\/uploads\\\/2019\\\/04\\\/01-BoulevardHaussmann-FotoSimonGarcia_arqfoto.jpg&quot;,&quot;caption&quot;:&quot;\\u00a9 Simon Garcia|arqfoto.com&quot;},{&quot;src&quot;:&quot;https:\\\/\\\/www.garciafaura.com\\\/wp-content\\\/uploads\\\/2019\\\/04\\\/20-BoulevardHaussmann-FotoSimonGarcia_arqfoto.jpg&quot;,&quot;caption&quot;:&quot;\\u00a9 Simon Garcia|arqfoto.com&quot;},{&quot;src&quot;:&quot;https:\\\/\\\/www.garciafaura.com\\\/wp-content\\\/uploads\\\/2019\\\/04\\\/19-BoulevardHaussmann-FotoSimonGarcia_arqfoto.jpg&quot;,&quot;caption&quot;:&quot;\\u00a9 Simon Garcia|arqfoto.com&quot;},{&quot;src&quot;:&quot;https:\\\/\\\/www.garciafaura.com\\\/wp-content\\\/uploads\\\/2019\\\/04\\\/18-BoulevardHaussmann-FotoSimonGarcia_arqfoto.jpg&quot;,&quot;caption&quot;:&quot;\\u00a9 Simon Garcia|arqfoto.com&quot;},{&quot;src&quot;:&quot;https:\\\/\\\/www.garciafaura.com\\\/wp-content\\\/uploads\\\/2019\\\/04\\\/17-BoulevardHaussmann-FotoSimonGarcia_arqfoto.jpg&quot;,&quot;caption&quot;:&quot;\\u00a9 Simon Garcia|arqfoto.com&quot;},{&quot;src&quot;:&quot;https:\\\/\\\/www.garciafaura.com\\\/wp-content\\\/uploads\\\/2019\\\/04\\\/16-BoulevardHaussmann-FotoSimonGarcia_arqfoto.jpg&quot;,&quot;caption&quot;:&quot;\\u00a9 Simon Garcia|arqfoto.com&quot;},{&quot;src&quot;:&quot;https:\\\/\\\/www.garciafaura.com\\\/wp-content\\\/uploads\\\/2019\\\/04\\\/15-BoulevardHaussmann-FotoSimonGarcia_arqfoto.jpg&quot;,&quot;caption&quot;:&quot;\\u00a9 Simon Garcia|arqfoto.com&quot;},{&quot;src&quot;:&quot;https:\\\/\\\/www.garciafaura.com\\\/wp-content\\\/uploads\\\/2019\\\/04\\\/14-BoulevardHaussmann-FotoSimonGarcia_arqfoto.jpg&quot;,&quot;caption&quot;:&quot;\\u00a9 Simon Garcia|arqfoto.com&quot;},{&quot;src&quot;:&quot;https:\\\/\\\/www.garciafaura.com\\\/wp-content\\\/uploads\\\/2019\\\/04\\\/13-BoulevardHaussmann-FotoSimonGarcia_arqfoto.jpg&quot;,&quot;caption&quot;:&quot;\\u00a9 Simon Garcia|arqfoto.com&quot;},{&quot;src&quot;:&quot;https:\\\/\\\/www.garciafaura.com\\\/wp-content\\\/uploads\\\/2019\\\/04\\\/12-BoulevardHaussmann-FotoSimonGarcia_arqfoto.jpg&quot;,&quot;caption&quot;:&quot;\\u00a9 Simon Garcia|arqfoto.com&quot;},{&quot;src&quot;:&quot;https:\\\/\\\/www.garciafaura.com\\\/wp-content\\\/uploads\\\/2019\\\/04\\\/11-BoulevardHaussmann-FotoSimonGarcia_arqfoto.jpg&quot;,&quot;caption&quot;:&quot;\\u00a9 Simon Garcia|arqfoto.com&quot;},{&quot;src&quot;:&quot;https:\\\/\\\/www.garciafaura.com\\\/wp-content\\\/uploads\\\/2019\\\/04\\\/10-BoulevardHaussmann-FotoSimonGarcia_arqfoto.jpg&quot;,&quot;caption&quot;:&quot;\\u00a9 Simon Garcia|arqfoto.com&quot;},{&quot;src&quot;:&quot;https:\\\/\\\/www.garciafaura.com\\\/wp-content\\\/uploads\\\/2019\\\/04\\\/09-BoulevardHaussmann-FotoSimonGarcia_arqfoto.jpg&quot;,&quot;caption&quot;:&quot;\\u00a9 Simon Garcia|arqfoto.com&quot;},{&quot;src&quot;:&quot;https:\\\/\\\/www.garciafaura.com\\\/wp-content\\\/uploads\\\/2019\\\/04\\\/08-BoulevardHaussmann-FotoSimonGarcia_arqfoto.jpg&quot;,&quot;caption&quot;:&quot;\\u00a9 Simon Garcia|arqfoto.com&quot;},{&quot;src&quot;:&quot;https:\\\/\\\/www.garciafaura.com\\\/wp-content\\\/uploads\\\/2019\\\/04\\\/07-BoulevardHaussmann-FotoSimonGarcia_arqfoto.jpg&quot;,&quot;caption&quot;:&quot;\\u00a9 Simon Garcia|arqfoto.com&quot;},{&quot;src&quot;:&quot;https:\\\/\\\/www.garciafaura.com\\\/wp-content\\\/uploads\\\/2019\\\/04\\\/06-BoulevardHaussmann-FotoSimonGarcia_arqfoto.jpg&quot;,&quot;caption&quot;:&quot;\\u00a9 Simon Garcia|arqfoto.com&quot;},{&quot;src&quot;:&quot;https:\\\/\\\/www.garciafaura.com\\\/wp-content\\\/uploads\\\/2019\\\/04\\\/05-BoulevardHaussmann-FotoSimonGarcia_arqfoto.jpg&quot;,&quot;caption&quot;:&quot;\\u00a9 Simon Garcia|arqfoto.com&quot;},{&quot;src&quot;:&quot;https:\\\/\\\/www.garciafaura.com\\\/wp-content\\\/uploads\\\/2019\\\/04\\\/04-BoulevardHaussmann-FotoSimonGarcia_arqfoto.jpg&quot;,&quot;caption&quot;:&quot;\\u00a9 Simon Garcia|arqfoto.com&quot;},{&quot;src&quot;:&quot;https:\\\/\\\/www.garciafaura.com\\\/wp-content\\\/uploads\\\/2019\\\/04\\\/03-BoulevardHaussmann-FotoSimonGarcia_arqfoto.jpg&quot;,&quot;caption&quot;:&quot;\\u00a9 Simon Garcia|arqfoto.com&quot;},{&quot;src&quot;:&quot;https:\\\/\\\/www.garciafaura.com\\\/wp-content\\\/uploads\\\/2019\\\/04\\\/02-BoulevardHaussmann-FotoSimonGarcia_arqfoto.jpg&quot;,&quot;caption&quot;:&quot;\\u00a9 Simon Garcia|arqfoto.com&quot;}]\"><img loading=\"lazy\" decoding=\"async\" data-no-lazy=\"1\" class=\"portfolio-entry-img skip-lazy\" src=\"https:\/\/www.garciafaura.com\/wp-content\/uploads\/2019\/04\/01-BoulevardHaussmann-FotoSimonGarcia_arqfoto-600x314.jpg\" alt='' data-no-retina width=\"600\" height=\"314\" \/><\/a><\/div><div class=\"portfolio-entry-details entry-details wpex-clr\"><h2 class=\"portfolio-entry-title entry-title\"><a href=\"https:\/\/www.garciafaura.com\/fr\/portfolio-item\/boulevard-hausmann\/\" title=\"R\u00e9habilitation Bulevard Haussmann\">R\u00e9habilitation Bulevard Haussmann<\/a><\/h2><div class=\"portfolio-entry-categories entry-categories wpex-clr\"><a href=\"https:\/\/www.garciafaura.com\/fr\/portfolio-category\/international-fr\/\" class=\"term-97\">International<\/a><\/div><\/div><\/div><\/div><div class=\"portfolio-entry vcex-grid-item entry-has-details span_1_of_3 col col-2 vcex-isotope-entry vcex-no-margin-entry post-20421 entry type-portfolio has-media cat-69 cat-93 translation_priority-5\"><div class=\"portfolio-entry-inner entry-inner wpex-clr\"><div class=\"portfolio-entry-media entry-media wpex-clr\"><a href=\"https:\/\/www.garciafaura.com\/wp-content\/uploads\/2018\/11\/Promocio\u0301-Inbisa-Esplugues-01.jpg\" title=\"Promotion Inbisa Esplugues\" class=\"portfolio-entry-media-link wpex-lightbox-gallery\" data-gallery=\"[{&quot;src&quot;:&quot;https:\\\/\\\/www.garciafaura.com\\\/wp-content\\\/uploads\\\/2018\\\/11\\\/Promocio\\u0301-Inbisa-Esplugues-01.jpg&quot;,&quot;title&quot;:&quot;Installation de mur-rideau et de fermetures en aluminium dans ensemble de bureaux&quot;},{&quot;src&quot;:&quot;https:\\\/\\\/www.garciafaura.com\\\/wp-content\\\/uploads\\\/2018\\\/11\\\/Promocio\\u0301-Inbisa-Esplugues-08.jpg&quot;,&quot;title&quot;:&quot;Installation de mur-rideau et de fermetures en aluminium dans ensemble de bureaux&quot;},{&quot;src&quot;:&quot;https:\\\/\\\/www.garciafaura.com\\\/wp-content\\\/uploads\\\/2018\\\/11\\\/Promocio\\u0301-Inbisa-Esplugues-07.jpg&quot;,&quot;title&quot;:&quot;Installation de mur-rideau et de fermetures en aluminium dans ensemble de bureaux&quot;},{&quot;src&quot;:&quot;https:\\\/\\\/www.garciafaura.com\\\/wp-content\\\/uploads\\\/2018\\\/11\\\/Promocio\\u0301-Inbisa-Esplugues-06.jpg&quot;,&quot;title&quot;:&quot;Installation de mur-rideau et de fermetures en aluminium dans ensemble de bureaux&quot;},{&quot;src&quot;:&quot;https:\\\/\\\/www.garciafaura.com\\\/wp-content\\\/uploads\\\/2018\\\/11\\\/Promocio\\u0301-Inbisa-Esplugues-05.jpg&quot;,&quot;title&quot;:&quot;Installation de mur-rideau et de fermetures en aluminium dans ensemble de bureaux&quot;},{&quot;src&quot;:&quot;https:\\\/\\\/www.garciafaura.com\\\/wp-content\\\/uploads\\\/2018\\\/11\\\/Promocio\\u0301-Inbisa-Esplugues-04.jpg&quot;,&quot;title&quot;:&quot;Installation de mur-rideau et de fermetures en aluminium dans ensemble de bureaux&quot;},{&quot;src&quot;:&quot;https:\\\/\\\/www.garciafaura.com\\\/wp-content\\\/uploads\\\/2018\\\/11\\\/Promocio\\u0301-Inbisa-Esplugues-03.jpg&quot;,&quot;title&quot;:&quot;Installation de mur-rideau et de fermetures en aluminium dans ensemble de bureaux&quot;},{&quot;src&quot;:&quot;https:\\\/\\\/www.garciafaura.com\\\/wp-content\\\/uploads\\\/2018\\\/11\\\/Promocio\\u0301-Inbisa-Esplugues-02.jpg&quot;,&quot;title&quot;:&quot;Installation de mur-rideau et de fermetures en aluminium dans ensemble de bureaux&quot;}]\"><img decoding=\"async\" data-no-lazy=\"1\" class=\"portfolio-entry-img skip-lazy\" src=\"https:\/\/www.garciafaura.com\/wp-content\/uploads\/2018\/11\/Promocio\u0301-Inbisa-Esplugues-01-x.jpg\" alt=\"Installation De Mur-rideau Et De Fermetures En Aluminium Dans Ensemble De Bureaux\" data-no-retina \/><\/a><\/div><div class=\"portfolio-entry-details entry-details wpex-clr\"><h2 class=\"portfolio-entry-title entry-title\"><a href=\"https:\/\/www.garciafaura.com\/fr\/portfolio-item\/promotion-inbisa-esplugues\/\" title=\"Promotion Inbisa Esplugues\">Promotion Inbisa Esplugues<\/a><\/h2><div class=\"portfolio-entry-categories entry-categories wpex-clr\"><a href=\"https:\/\/www.garciafaura.com\/fr\/portfolio-category\/batiments-corporatifs\/\" class=\"term-69\">B\u00e2timents Corporatifs<\/a><\/div><\/div><\/div><\/div><div class=\"portfolio-entry vcex-grid-item entry-has-details span_1_of_3 col col-3 vcex-isotope-entry vcex-no-margin-entry post-20417 entry type-portfolio has-media cat-69 translation_priority-5\"><div class=\"portfolio-entry-inner entry-inner wpex-clr\"><div class=\"portfolio-entry-media entry-media wpex-clr\"><a href=\"https:\/\/www.garciafaura.com\/wp-content\/uploads\/2018\/11\/Seu-Schenider-Electric-10.jpg\" title=\"Si\u00e8ge Schneider Electric\" class=\"portfolio-entry-media-link wpex-lightbox-gallery\" data-gallery=\"[{&quot;src&quot;:&quot;https:\\\/\\\/www.garciafaura.com\\\/wp-content\\\/uploads\\\/2018\\\/11\\\/Seu-Schenider-Electric-10.jpg&quot;,&quot;title&quot;:&quot;Fabrication et installation de portes et fen\\u00eatres pour le nouveau si\\u00e8ge social&quot;},{&quot;src&quot;:&quot;https:\\\/\\\/www.garciafaura.com\\\/wp-content\\\/uploads\\\/2018\\\/11\\\/Seu-Schenider-Electric-09.jpg&quot;,&quot;title&quot;:&quot;Fabrication et installation de portes et fen\\u00eatres pour le nouveau si\\u00e8ge social&quot;},{&quot;src&quot;:&quot;https:\\\/\\\/www.garciafaura.com\\\/wp-content\\\/uploads\\\/2018\\\/11\\\/Seu-Schenider-Electric-08.jpg&quot;,&quot;title&quot;:&quot;Fabrication et installation de portes et fen\\u00eatres pour le nouveau si\\u00e8ge social&quot;},{&quot;src&quot;:&quot;https:\\\/\\\/www.garciafaura.com\\\/wp-content\\\/uploads\\\/2018\\\/11\\\/Seu-Schenider-Electric-07.jpg&quot;,&quot;title&quot;:&quot;Fabrication et installation de portes et fen\\u00eatres pour le nouveau si\\u00e8ge social&quot;},{&quot;src&quot;:&quot;https:\\\/\\\/www.garciafaura.com\\\/wp-content\\\/uploads\\\/2018\\\/11\\\/Seu-Schenider-Electric-06.jpg&quot;,&quot;title&quot;:&quot;Fabrication et installation de portes et fen\\u00eatres pour le nouveau si\\u00e8ge social&quot;},{&quot;src&quot;:&quot;https:\\\/\\\/www.garciafaura.com\\\/wp-content\\\/uploads\\\/2018\\\/11\\\/Seu-Schenider-Electric-05.jpg&quot;,&quot;title&quot;:&quot;Fabrication et installation de portes et fen\\u00eatres pour le nouveau si\\u00e8ge social&quot;},{&quot;src&quot;:&quot;https:\\\/\\\/www.garciafaura.com\\\/wp-content\\\/uploads\\\/2018\\\/11\\\/Seu-Schenider-Electric-04.jpg&quot;,&quot;title&quot;:&quot;Fabrication et installation de portes et fen\\u00eatres pour le nouveau si\\u00e8ge social&quot;},{&quot;src&quot;:&quot;https:\\\/\\\/www.garciafaura.com\\\/wp-content\\\/uploads\\\/2018\\\/11\\\/Seu-Schenider-Electric-03.jpg&quot;,&quot;title&quot;:&quot;Fabrication et installation de portes et fen\\u00eatres pour le nouveau si\\u00e8ge social&quot;},{&quot;src&quot;:&quot;https:\\\/\\\/www.garciafaura.com\\\/wp-content\\\/uploads\\\/2018\\\/11\\\/Seu-Schenider-Electric-02.jpg&quot;,&quot;title&quot;:&quot;Fabrication et installation de portes et fen\\u00eatres pour le nouveau si\\u00e8ge social&quot;},{&quot;src&quot;:&quot;https:\\\/\\\/www.garciafaura.com\\\/wp-content\\\/uploads\\\/2018\\\/11\\\/Seu-Schenider-Electric-01.jpg&quot;,&quot;title&quot;:&quot;Fabrication et installation de portes et fen\\u00eatres pour le nouveau si\\u00e8ge social&quot;}]\"><img decoding=\"async\" data-no-lazy=\"1\" class=\"portfolio-entry-img skip-lazy\" src=\"https:\/\/www.garciafaura.com\/wp-content\/uploads\/2018\/11\/Seu-Schenider-Electric-10-x.jpg\" alt=\"Fabrication Et Installation De Portes Et Fen\u00eatres Pour Le Nouveau Si\u00e8ge Social\" data-no-retina \/><\/a><\/div><div class=\"portfolio-entry-details entry-details wpex-clr\"><h2 class=\"portfolio-entry-title entry-title\"><a href=\"https:\/\/www.garciafaura.com\/fr\/portfolio-item\/siege-schneider-electric\/\" title=\"Si\u00e8ge Schneider Electric\">Si\u00e8ge Schneider Electric<\/a><\/h2><div class=\"portfolio-entry-categories entry-categories wpex-clr\"><a href=\"https:\/\/www.garciafaura.com\/fr\/portfolio-category\/batiments-corporatifs\/\" class=\"term-69\">B\u00e2timents Corporatifs<\/a><\/div><\/div><\/div><\/div><div class=\"portfolio-entry vcex-grid-item entry-has-details span_1_of_3 col col-1 vcex-isotope-entry vcex-no-margin-entry post-20409 entry type-portfolio has-media cat-69 cat-93 translation_priority-5\"><div class=\"portfolio-entry-inner entry-inner wpex-clr\"><div class=\"portfolio-entry-media entry-media wpex-clr\"><a href=\"https:\/\/www.garciafaura.com\/wp-content\/uploads\/2018\/11\/Edifici-Plac\u0327a-Europa-02.jpg\" title=\"Bureaux Pla\u00e7a Europa\" class=\"portfolio-entry-media-link wpex-lightbox-gallery\" data-gallery=\"[{&quot;src&quot;:&quot;https:\\\/\\\/www.garciafaura.com\\\/wp-content\\\/uploads\\\/2018\\\/11\\\/Edifici-Plac\\u0327a-Europa-01.jpg&quot;,&quot;title&quot;:&quot;Mur-rideau modulaire combin\\u00e9 avec des \\u00e9cailles de panneau composite&quot;},{&quot;src&quot;:&quot;https:\\\/\\\/www.garciafaura.com\\\/wp-content\\\/uploads\\\/2018\\\/11\\\/Edifici-Plac\\u0327a-Europa-08.jpg&quot;,&quot;title&quot;:&quot;Mur-rideau modulaire combin\\u00e9 avec des \\u00e9cailles de panneau composite&quot;},{&quot;src&quot;:&quot;https:\\\/\\\/www.garciafaura.com\\\/wp-content\\\/uploads\\\/2018\\\/11\\\/Edifici-Plac\\u0327a-Europa-07.jpg&quot;,&quot;title&quot;:&quot;Mur-rideau modulaire combin\\u00e9 avec des \\u00e9cailles de panneau composite&quot;},{&quot;src&quot;:&quot;https:\\\/\\\/www.garciafaura.com\\\/wp-content\\\/uploads\\\/2018\\\/11\\\/Edifici-Plac\\u0327a-Europa-06.jpg&quot;,&quot;title&quot;:&quot;Mur-rideau modulaire combin\\u00e9 avec des \\u00e9cailles de panneau composite&quot;},{&quot;src&quot;:&quot;https:\\\/\\\/www.garciafaura.com\\\/wp-content\\\/uploads\\\/2018\\\/11\\\/Edifici-Plac\\u0327a-Europa-05.jpg&quot;,&quot;title&quot;:&quot;Mur-rideau modulaire combin\\u00e9 avec des \\u00e9cailles de panneau composite&quot;},{&quot;src&quot;:&quot;https:\\\/\\\/www.garciafaura.com\\\/wp-content\\\/uploads\\\/2018\\\/11\\\/Edifici-Plac\\u0327a-Europa-04.jpg&quot;,&quot;title&quot;:&quot;Mur-rideau modulaire combin\\u00e9 avec des \\u00e9cailles de panneau composite&quot;},{&quot;src&quot;:&quot;https:\\\/\\\/www.garciafaura.com\\\/wp-content\\\/uploads\\\/2018\\\/11\\\/Edifici-Plac\\u0327a-Europa-03.jpg&quot;,&quot;title&quot;:&quot;Mur-rideau modulaire combin\\u00e9 avec des \\u00e9cailles de panneau composite&quot;},{&quot;src&quot;:&quot;https:\\\/\\\/www.garciafaura.com\\\/wp-content\\\/uploads\\\/2018\\\/11\\\/Edifici-Plac\\u0327a-Europa-02.jpg&quot;,&quot;title&quot;:&quot;Mur-rideau modulaire combin\\u00e9 avec des \\u00e9cailles de panneau composite.&quot;}]\"><img decoding=\"async\" data-no-lazy=\"1\" class=\"portfolio-entry-img skip-lazy\" src=\"https:\/\/www.garciafaura.com\/wp-content\/uploads\/2018\/11\/Edifici-Plac\u0327a-Europa-02-x.jpg\" alt=\"Mur-rideau Modulaire Combin\u00e9 Avec Des \u00e9cailles De Panneau Composite.\" data-no-retina \/><\/a><\/div><div class=\"portfolio-entry-details entry-details wpex-clr\"><h2 class=\"portfolio-entry-title entry-title\"><a href=\"https:\/\/www.garciafaura.com\/fr\/portfolio-item\/bureaux-placa-europa\/\" title=\"Bureaux Pla\u00e7a Europa\">Bureaux Pla\u00e7a Europa<\/a><\/h2><div class=\"portfolio-entry-categories entry-categories wpex-clr\"><a href=\"https:\/\/www.garciafaura.com\/fr\/portfolio-category\/batiments-corporatifs\/\" class=\"term-69\">B\u00e2timents Corporatifs<\/a><\/div><\/div><\/div><\/div><div class=\"portfolio-entry vcex-grid-item entry-has-details span_1_of_3 col col-2 vcex-isotope-entry vcex-no-margin-entry post-20404 entry type-portfolio has-media cat-69 cat-93 translation_priority-5\"><div class=\"portfolio-entry-inner entry-inner wpex-clr\"><div class=\"portfolio-entry-media entry-media wpex-clr\"><a href=\"https:\/\/www.garciafaura.com\/wp-content\/uploads\/2018\/11\/Seu-Indra-Company-03.jpg\" title=\"Si\u00e8ge social Indra\" class=\"portfolio-entry-media-link wpex-lightbox-gallery\" data-gallery=\"[{&quot;src&quot;:&quot;https:\\\/\\\/www.garciafaura.com\\\/wp-content\\\/uploads\\\/2018\\\/11\\\/Seu-Indra-Company-03.jpg&quot;,&quot;title&quot;:&quot;Nouveau b\\u00e2timent corporatif de l&#039;entreprise technologique Indra dans le district 22@ de Barcelone&quot;},{&quot;src&quot;:&quot;https:\\\/\\\/www.garciafaura.com\\\/wp-content\\\/uploads\\\/2018\\\/11\\\/Seu-Indra-Company-07.jpg&quot;,&quot;title&quot;:&quot;Nou edifici corporatiu de l&#039;empresa tecnol\\u00f2gica Indra al districte 22@ de Barcelona&quot;},{&quot;src&quot;:&quot;https:\\\/\\\/www.garciafaura.com\\\/wp-content\\\/uploads\\\/2018\\\/11\\\/Seu-Indra-Company-06.jpg&quot;,&quot;title&quot;:&quot;Nou edifici corporatiu de l&#039;empresa tecnol\\u00f2gica Indra al districte 22@ de Barcelona&quot;},{&quot;src&quot;:&quot;https:\\\/\\\/www.garciafaura.com\\\/wp-content\\\/uploads\\\/2018\\\/11\\\/Seu-Indra-Company-05.jpg&quot;,&quot;title&quot;:&quot;Nou edifici corporatiu de l&#039;empresa tecnol\\u00f2gica Indra al districte 22@ de Barcelona&quot;},{&quot;src&quot;:&quot;https:\\\/\\\/www.garciafaura.com\\\/wp-content\\\/uploads\\\/2018\\\/11\\\/Seu-Indra-Company-04.jpg&quot;,&quot;title&quot;:&quot;Nou edifici corporatiu de l&#039;empresa tecnol\\u00f2gica Indra al districte 22@ de Barcelona&quot;},{&quot;src&quot;:&quot;https:\\\/\\\/www.garciafaura.com\\\/wp-content\\\/uploads\\\/2018\\\/11\\\/Seu-Indra-Company-02.jpg&quot;,&quot;title&quot;:&quot;Nou edifici corporatiu de l&#039;empresa tecnol\\u00f2gica Indra al districte 22@ de Barcelona&quot;},{&quot;src&quot;:&quot;https:\\\/\\\/www.garciafaura.com\\\/wp-content\\\/uploads\\\/2018\\\/11\\\/Seu-Indra-Company-01.jpg&quot;,&quot;title&quot;:&quot;Nou edifici corporatiu de l&#039;empresa tecnol\\u00f2gica Indra al districte 22@ de Barcelona&quot;}]\"><img decoding=\"async\" data-no-lazy=\"1\" class=\"portfolio-entry-img skip-lazy\" src=\"https:\/\/www.garciafaura.com\/wp-content\/uploads\/2018\/11\/Seu-Indra-Company-03-x.jpg\" alt=\"Nouveau B\u00e2timent Corporatif De L'entreprise Technologique Indra Dans Le District 22@ De Barcelone\" data-no-retina \/><\/a><\/div><div class=\"portfolio-entry-details entry-details wpex-clr\"><h2 class=\"portfolio-entry-title entry-title\"><a href=\"https:\/\/www.garciafaura.com\/fr\/portfolio-item\/siege-social-indra\/\" title=\"Si\u00e8ge social Indra\">Si\u00e8ge social Indra<\/a><\/h2><div class=\"portfolio-entry-categories entry-categories wpex-clr\"><a href=\"https:\/\/www.garciafaura.com\/fr\/portfolio-category\/batiments-corporatifs\/\" class=\"term-69\">B\u00e2timents Corporatifs<\/a><\/div><\/div><\/div><\/div><div class=\"portfolio-entry vcex-grid-item entry-has-details span_1_of_3 col col-3 vcex-isotope-entry vcex-no-margin-entry post-20400 entry type-portfolio has-media cat-69 cat-93 translation_priority-5\"><div class=\"portfolio-entry-inner entry-inner wpex-clr\"><div class=\"portfolio-entry-media entry-media wpex-clr\"><a href=\"https:\/\/www.garciafaura.com\/wp-content\/uploads\/2018\/11\/Promocio\u0301-Mas-Blau-01.jpg\" title=\"Promotion Mas Blau\" class=\"portfolio-entry-media-link wpex-lightbox-gallery\" data-gallery=\"[{&quot;src&quot;:&quot;https:\\\/\\\/www.garciafaura.com\\\/wp-content\\\/uploads\\\/2018\\\/11\\\/Promocio\\u0301-Mas-Blau-01.jpg&quot;,&quot;title&quot;:&quot;Murs-rideaux pour le b\\u00e2timent central et travaux de menuiserie en aluminium pour les b\\u00e2timents de services&quot;},{&quot;src&quot;:&quot;https:\\\/\\\/www.garciafaura.com\\\/wp-content\\\/uploads\\\/2018\\\/11\\\/Promocio\\u0301-Mas-Blau-17.jpg&quot;,&quot;title&quot;:&quot;Murs cortina de l&#039;edifici central i treballs de fusteria d&#039;alumini en edificis de serveis&quot;},{&quot;src&quot;:&quot;https:\\\/\\\/www.garciafaura.com\\\/wp-content\\\/uploads\\\/2018\\\/11\\\/Promocio\\u0301-Mas-Blau-15.jpg&quot;,&quot;title&quot;:&quot;Murs cortina de l&#039;edifici central i treballs de fusteria d&#039;alumini en edificis de serveis&quot;},{&quot;src&quot;:&quot;https:\\\/\\\/www.garciafaura.com\\\/wp-content\\\/uploads\\\/2018\\\/11\\\/Promocio\\u0301-Mas-Blau-16.jpg&quot;,&quot;title&quot;:&quot;Murs cortina de l&#039;edifici central i treballs de fusteria d&#039;alumini en edificis de serveis&quot;},{&quot;src&quot;:&quot;https:\\\/\\\/www.garciafaura.com\\\/wp-content\\\/uploads\\\/2018\\\/11\\\/Promocio\\u0301-Mas-Blau-14.jpg&quot;,&quot;title&quot;:&quot;Murs cortina de l&#039;edifici central i treballs de fusteria d&#039;alumini en edificis de serveis&quot;},{&quot;src&quot;:&quot;https:\\\/\\\/www.garciafaura.com\\\/wp-content\\\/uploads\\\/2018\\\/11\\\/Promocio\\u0301-Mas-Blau-13.jpg&quot;,&quot;title&quot;:&quot;Murs cortina de l&#039;edifici central i treballs de fusteria d&#039;alumini en edificis de serveis&quot;},{&quot;src&quot;:&quot;https:\\\/\\\/www.garciafaura.com\\\/wp-content\\\/uploads\\\/2018\\\/11\\\/Promocio\\u0301-Mas-Blau-12.jpg&quot;,&quot;title&quot;:&quot;Murs cortina de l&#039;edifici central i treballs de fusteria d&#039;alumini en edificis de serveis&quot;},{&quot;src&quot;:&quot;https:\\\/\\\/www.garciafaura.com\\\/wp-content\\\/uploads\\\/2018\\\/11\\\/Promocio\\u0301-Mas-Blau-11.jpg&quot;,&quot;title&quot;:&quot;Murs cortina de l&#039;edifici central i treballs de fusteria d&#039;alumini en edificis de serveis&quot;},{&quot;src&quot;:&quot;https:\\\/\\\/www.garciafaura.com\\\/wp-content\\\/uploads\\\/2018\\\/11\\\/Promocio\\u0301-Mas-Blau-10.jpg&quot;,&quot;title&quot;:&quot;Murs cortina de l&#039;edifici central i treballs de fusteria d&#039;alumini en edificis de serveis&quot;},{&quot;src&quot;:&quot;https:\\\/\\\/www.garciafaura.com\\\/wp-content\\\/uploads\\\/2018\\\/11\\\/Promocio\\u0301-Mas-Blau-09.jpg&quot;,&quot;title&quot;:&quot;Murs cortina de l&#039;edifici central i treballs de fusteria d&#039;alumini en edificis de serveis&quot;},{&quot;src&quot;:&quot;https:\\\/\\\/www.garciafaura.com\\\/wp-content\\\/uploads\\\/2018\\\/11\\\/Promocio\\u0301-Mas-Blau-08.jpg&quot;,&quot;title&quot;:&quot;Murs cortina de l&#039;edifici central i treballs de fusteria d&#039;alumini en edificis de serveis&quot;},{&quot;src&quot;:&quot;https:\\\/\\\/www.garciafaura.com\\\/wp-content\\\/uploads\\\/2018\\\/11\\\/Promocio\\u0301-Mas-Blau-07.jpg&quot;,&quot;title&quot;:&quot;Murs cortina de l&#039;edifici central i treballs de fusteria d&#039;alumini en edificis de serveis&quot;},{&quot;src&quot;:&quot;https:\\\/\\\/www.garciafaura.com\\\/wp-content\\\/uploads\\\/2018\\\/11\\\/Promocio\\u0301-Mas-Blau-06.jpg&quot;,&quot;title&quot;:&quot;Murs cortina de l&#039;edifici central i treballs de fusteria d&#039;alumini en edificis de serveis&quot;},{&quot;src&quot;:&quot;https:\\\/\\\/www.garciafaura.com\\\/wp-content\\\/uploads\\\/2018\\\/11\\\/Promocio\\u0301-Mas-Blau-05.jpg&quot;,&quot;title&quot;:&quot;Murs cortina de l&#039;edifici central i treballs de fusteria d&#039;alumini en edificis de serveis&quot;},{&quot;src&quot;:&quot;https:\\\/\\\/www.garciafaura.com\\\/wp-content\\\/uploads\\\/2018\\\/11\\\/Promocio\\u0301-Mas-Blau-04.jpg&quot;,&quot;title&quot;:&quot;Murs cortina de l&#039;edifici central i treballs de fusteria d&#039;alumini en edificis de serveis&quot;},{&quot;src&quot;:&quot;https:\\\/\\\/www.garciafaura.com\\\/wp-content\\\/uploads\\\/2018\\\/11\\\/Promocio\\u0301-Mas-Blau-03.jpg&quot;,&quot;title&quot;:&quot;Murs cortina de l&#039;edifici central i treballs de fusteria d&#039;alumini en edificis de serveis&quot;},{&quot;src&quot;:&quot;https:\\\/\\\/www.garciafaura.com\\\/wp-content\\\/uploads\\\/2018\\\/11\\\/Promocio\\u0301-Mas-Blau-02.jpg&quot;,&quot;title&quot;:&quot;Murs cortina de l&#039;edifici central i treballs de fusteria d&#039;alumini en edificis de serveis&quot;}]\"><img decoding=\"async\" data-no-lazy=\"1\" class=\"portfolio-entry-img skip-lazy\" src=\"https:\/\/www.garciafaura.com\/wp-content\/uploads\/2018\/11\/Promocio\u0301-Mas-Blau-01-x.jpg\" alt=\"Murs-rideaux Pour Le B\u00e2timent Central Et Travaux De Menuiserie En Aluminium Pour Les B\u00e2timents De Services\" data-no-retina \/><\/a><\/div><div class=\"portfolio-entry-details entry-details wpex-clr\"><h2 class=\"portfolio-entry-title entry-title\"><a href=\"https:\/\/www.garciafaura.com\/fr\/portfolio-item\/promotion-mas-blau\/\" title=\"Promotion Mas Blau\">Promotion Mas Blau<\/a><\/h2><div class=\"portfolio-entry-categories entry-categories wpex-clr\"><a href=\"https:\/\/www.garciafaura.com\/fr\/portfolio-category\/batiments-corporatifs\/\" class=\"term-69\">B\u00e2timents Corporatifs<\/a><\/div><\/div><\/div><\/div><div class=\"portfolio-entry vcex-grid-item entry-has-details span_1_of_3 col col-1 vcex-isotope-entry vcex-no-margin-entry post-20399 entry type-portfolio has-media cat-69 translation_priority-5\"><div class=\"portfolio-entry-inner entry-inner wpex-clr\"><div class=\"portfolio-entry-media entry-media wpex-clr\"><a href=\"https:\/\/www.garciafaura.com\/wp-content\/uploads\/2018\/11\/Seu-Sedatex-01.jpg\" title=\"Si\u00e8ge Sedatex\" class=\"portfolio-entry-media-link wpex-lightbox-gallery\" data-gallery=\"[{&quot;src&quot;:&quot;https:\\\/\\\/www.garciafaura.com\\\/wp-content\\\/uploads\\\/2018\\\/11\\\/Seu-Sedatex-01.jpg&quot;,&quot;title&quot;:&quot;Architecture ext\\u00e9rieure et fermetures int\\u00e9rieures pour le si\\u00e8ge social et industriel&quot;},{&quot;src&quot;:&quot;https:\\\/\\\/www.garciafaura.com\\\/wp-content\\\/uploads\\\/2018\\\/11\\\/Seu-Sedatex-07.jpg&quot;,&quot;title&quot;:&quot;Arquitectura exterior i tancaments interiors de la seu corporativa i\\u00a0industrial&quot;},{&quot;src&quot;:&quot;https:\\\/\\\/www.garciafaura.com\\\/wp-content\\\/uploads\\\/2018\\\/11\\\/Seu-Sedatex-06.jpg&quot;,&quot;title&quot;:&quot;Arquitectura exterior i tancaments interiors de la seu corporativa i\\u00a0industrial&quot;},{&quot;src&quot;:&quot;https:\\\/\\\/www.garciafaura.com\\\/wp-content\\\/uploads\\\/2018\\\/11\\\/Seu-Sedatex-05.jpg&quot;,&quot;title&quot;:&quot;Arquitectura exterior i tancaments interiors de la seu corporativa i\\u00a0industrial&quot;},{&quot;src&quot;:&quot;https:\\\/\\\/www.garciafaura.com\\\/wp-content\\\/uploads\\\/2018\\\/11\\\/Seu-Sedatex-04.jpg&quot;,&quot;title&quot;:&quot;Arquitectura exterior i tancaments interiors de la seu corporativa i\\u00a0industrial&quot;},{&quot;src&quot;:&quot;https:\\\/\\\/www.garciafaura.com\\\/wp-content\\\/uploads\\\/2018\\\/11\\\/Seu-Sedatex-03.jpg&quot;,&quot;title&quot;:&quot;Arquitectura exterior i tancaments interiors de la seu corporativa i\\u00a0industrial&quot;},{&quot;src&quot;:&quot;https:\\\/\\\/www.garciafaura.com\\\/wp-content\\\/uploads\\\/2018\\\/11\\\/Seu-Sedatex-02.jpg&quot;,&quot;title&quot;:&quot;Arquitectura exterior i tancaments interiors de la seu corporativa i\\u00a0industrial&quot;}]\"><img decoding=\"async\" data-no-lazy=\"1\" class=\"portfolio-entry-img skip-lazy\" src=\"https:\/\/www.garciafaura.com\/wp-content\/uploads\/2018\/11\/Seu-Sedatex-01-x.jpg\" alt=\"Architecture Ext\u00e9rieure Et Fermetures Int\u00e9rieures Pour Le Si\u00e8ge Social Et Industriel\" data-no-retina \/><\/a><\/div><div class=\"portfolio-entry-details entry-details wpex-clr\"><h2 class=\"portfolio-entry-title entry-title\"><a href=\"https:\/\/www.garciafaura.com\/fr\/portfolio-item\/siege-sedatex\/\" title=\"Si\u00e8ge Sedatex\">Si\u00e8ge Sedatex<\/a><\/h2><div class=\"portfolio-entry-categories entry-categories wpex-clr\"><a href=\"https:\/\/www.garciafaura.com\/fr\/portfolio-category\/batiments-corporatifs\/\" class=\"term-69\">B\u00e2timents Corporatifs<\/a><\/div><\/div><\/div><\/div><div class=\"portfolio-entry vcex-grid-item entry-has-details span_1_of_3 col col-2 vcex-isotope-entry vcex-no-margin-entry post-20396 entry type-portfolio has-media cat-69 cat-93 translation_priority-5\"><div class=\"portfolio-entry-inner entry-inner wpex-clr\"><div class=\"portfolio-entry-media entry-media wpex-clr\"><a href=\"https:\/\/www.garciafaura.com\/wp-content\/uploads\/2018\/11\/Edifici-Big-Mat-Vilanova-01.jpg\" title=\"Bigmat Vilanova i la Geltr\u00fa\" class=\"portfolio-entry-media-link wpex-lightbox-gallery\" data-gallery=\"[{&quot;src&quot;:&quot;https:\\\/\\\/www.garciafaura.com\\\/wp-content\\\/uploads\\\/2018\\\/11\\\/Edifici-Big-Mat-Vilanova-01.jpg&quot;,&quot;title&quot;:&quot;Fa\\u00e7ade et fermetures en aluminium et verre pour le si\\u00e8ge de Vilanova i la Geltr\\u00fa&quot;},{&quot;src&quot;:&quot;https:\\\/\\\/www.garciafaura.com\\\/wp-content\\\/uploads\\\/2018\\\/11\\\/Edifici-Big-Mat-Vilanova-04.jpg&quot;,&quot;title&quot;:&quot;Fa\\u00e7ana i tancaments en alumini i vidre de la seu de Vilanova i la Geltr\\u00fa&quot;},{&quot;src&quot;:&quot;https:\\\/\\\/www.garciafaura.com\\\/wp-content\\\/uploads\\\/2018\\\/11\\\/Edifici-Big-Mat-Vilanova-03.jpg&quot;,&quot;title&quot;:&quot;Fa\\u00e7ana i tancaments en alumini i vidre de la seu de Vilanova i la Geltr\\u00fa&quot;},{&quot;src&quot;:&quot;https:\\\/\\\/www.garciafaura.com\\\/wp-content\\\/uploads\\\/2018\\\/11\\\/Edifici-Big-Mat-Vilanova-02.jpg&quot;,&quot;title&quot;:&quot;Fa\\u00e7ana i tancaments en alumini i vidre de la seu de Vilanova i la Geltr\\u00fa&quot;}]\"><img decoding=\"async\" data-no-lazy=\"1\" class=\"portfolio-entry-img skip-lazy\" src=\"https:\/\/www.garciafaura.com\/wp-content\/uploads\/2018\/11\/Edifici-Big-Mat-Vilanova-01-x.jpg\" alt=\"Fa\u00e7ade Et Fermetures En Aluminium Et Verre Pour Le Si\u00e8ge De Vilanova I La Geltr\u00fa\" data-no-retina \/><\/a><\/div><div class=\"portfolio-entry-details entry-details wpex-clr\"><h2 class=\"portfolio-entry-title entry-title\"><a href=\"https:\/\/www.garciafaura.com\/fr\/portfolio-item\/bigmat-vilanova-i-la-geltru\/\" title=\"Bigmat Vilanova i la Geltr\u00fa\">Bigmat Vilanova i la Geltr\u00fa<\/a><\/h2><div class=\"portfolio-entry-categories entry-categories wpex-clr\"><a href=\"https:\/\/www.garciafaura.com\/fr\/portfolio-category\/batiments-corporatifs\/\" class=\"term-69\">B\u00e2timents Corporatifs<\/a><\/div><\/div><\/div><\/div><div class=\"portfolio-entry vcex-grid-item entry-has-details span_1_of_3 col col-3 vcex-isotope-entry vcex-no-margin-entry post-20375 entry type-portfolio has-media cat-69 translation_priority-5\"><div class=\"portfolio-entry-inner entry-inner wpex-clr\"><div class=\"portfolio-entry-media entry-media wpex-clr\"><a href=\"https:\/\/www.garciafaura.com\/wp-content\/uploads\/2018\/11\/Promocio\u0301-carrer-Generalitat-01.jpg\" title=\"Promotion calle Generalitat\" class=\"portfolio-entry-media-link wpex-lightbox-gallery\" data-gallery=\"[{&quot;src&quot;:&quot;https:\\\/\\\/www.garciafaura.com\\\/wp-content\\\/uploads\\\/2018\\\/11\\\/Promocio\\u0301-carrer-Generalitat-01.jpg&quot;,&quot;title&quot;:&quot;Fen\\u00eatres et portes d&#039;acc\\u00e8s en aluminium pour promotion priv\\u00e9e de bureaux \\u00e0 Gav\\u00e0&quot;},{&quot;src&quot;:&quot;https:\\\/\\\/www.garciafaura.com\\\/wp-content\\\/uploads\\\/2018\\\/11\\\/Promocio\\u0301-carrer-Generalitat-04.jpg&quot;,&quot;title&quot;:&quot;Finestres i portes d&#039;acc\\u00e9s en alumini en\\u00a0promoci\\u00f3 privada\\u00a0d&#039;oficines a Gav\\u00e0&quot;},{&quot;src&quot;:&quot;https:\\\/\\\/www.garciafaura.com\\\/wp-content\\\/uploads\\\/2018\\\/11\\\/Promocio\\u0301-carrer-Generalitat-03.jpg&quot;,&quot;title&quot;:&quot;Finestres i portes d&#039;acc\\u00e9s en alumini en\\u00a0promoci\\u00f3 privada\\u00a0d&#039;oficines a Gav\\u00e0&quot;},{&quot;src&quot;:&quot;https:\\\/\\\/www.garciafaura.com\\\/wp-content\\\/uploads\\\/2018\\\/11\\\/Promocio\\u0301-carrer-Generalitat-02.jpg&quot;,&quot;title&quot;:&quot;Finestres i portes d&#039;acc\\u00e9s en alumini en\\u00a0promoci\\u00f3 privada\\u00a0d&#039;oficines a Gav\\u00e0&quot;}]\"><img decoding=\"async\" data-no-lazy=\"1\" class=\"portfolio-entry-img skip-lazy\" src=\"https:\/\/www.garciafaura.com\/wp-content\/uploads\/2018\/11\/Promocio\u0301-carrer-Generalitat-01-x.jpg\" alt=\"Fen\u00eatres Et Portes D'acc\u00e8s En Aluminium Pour Promotion Priv\u00e9e De Bureaux \u00e0 Gav\u00e0\" data-no-retina \/><\/a><\/div><div class=\"portfolio-entry-details entry-details wpex-clr\"><h2 class=\"portfolio-entry-title entry-title\"><a href=\"https:\/\/www.garciafaura.com\/fr\/portfolio-item\/promotion-calle-generalitat\/\" title=\"Promotion calle Generalitat\">Promotion calle Generalitat<\/a><\/h2><div class=\"portfolio-entry-categories entry-categories wpex-clr\"><a href=\"https:\/\/www.garciafaura.com\/fr\/portfolio-category\/batiments-corporatifs\/\" class=\"term-69\">B\u00e2timents Corporatifs<\/a><\/div><\/div><\/div><\/div><div class=\"portfolio-entry vcex-grid-item entry-has-details span_1_of_3 col col-1 vcex-isotope-entry vcex-no-margin-entry post-20360 entry type-portfolio has-media cat-69 cat-93 translation_priority-5\"><div class=\"portfolio-entry-inner entry-inner wpex-clr\"><div class=\"portfolio-entry-media entry-media wpex-clr\"><a href=\"https:\/\/www.garciafaura.com\/wp-content\/uploads\/2018\/11\/Inbisa-22@-01.jpg\" title=\"Promotion Inbisa 22@\" class=\"portfolio-entry-media-link wpex-lightbox-gallery\" data-gallery=\"[{&quot;src&quot;:&quot;https:\\\/\\\/www.garciafaura.com\\\/wp-content\\\/uploads\\\/2018\\\/11\\\/Inbisa-22@-01.jpg&quot;,&quot;title&quot;:&quot;Mur-rideau, protections solaires de structure m\\u00e9tallique et verre s\\u00e9rigraphi\\u00e9&quot;},{&quot;src&quot;:&quot;https:\\\/\\\/www.garciafaura.com\\\/wp-content\\\/uploads\\\/2018\\\/11\\\/Inbisa-22@-14.jpg&quot;,&quot;title&quot;:&quot;Mur cortina, proteccions solars d&#039;estructura met\\u00e0l\\u00b7lica i vidres serigrafiats&quot;},{&quot;src&quot;:&quot;https:\\\/\\\/www.garciafaura.com\\\/wp-content\\\/uploads\\\/2018\\\/11\\\/Inbisa-22@-13.jpg&quot;,&quot;title&quot;:&quot;Mur cortina, proteccions solars d&#039;estructura met\\u00e0l\\u00b7lica i vidres serigrafiats&quot;},{&quot;src&quot;:&quot;https:\\\/\\\/www.garciafaura.com\\\/wp-content\\\/uploads\\\/2018\\\/11\\\/Inbisa-22@-12.jpg&quot;,&quot;title&quot;:&quot;Mur cortina, proteccions solars d&#039;estructura met\\u00e0l\\u00b7lica i vidres serigrafiats&quot;},{&quot;src&quot;:&quot;https:\\\/\\\/www.garciafaura.com\\\/wp-content\\\/uploads\\\/2018\\\/11\\\/Inbisa-22@-11.jpg&quot;,&quot;title&quot;:&quot;Mur cortina, proteccions solars d&#039;estructura met\\u00e0l\\u00b7lica i vidres serigrafiats&quot;},{&quot;src&quot;:&quot;https:\\\/\\\/www.garciafaura.com\\\/wp-content\\\/uploads\\\/2018\\\/11\\\/Inbisa-22@-10.jpg&quot;,&quot;title&quot;:&quot;Mur cortina, proteccions solars d&#039;estructura met\\u00e0l\\u00b7lica i vidres serigrafiats&quot;},{&quot;src&quot;:&quot;https:\\\/\\\/www.garciafaura.com\\\/wp-content\\\/uploads\\\/2018\\\/11\\\/Inbisa-22@-09.jpg&quot;,&quot;title&quot;:&quot;Mur cortina, proteccions solars d&#039;estructura met\\u00e0l\\u00b7lica i vidres serigrafiats&quot;},{&quot;src&quot;:&quot;https:\\\/\\\/www.garciafaura.com\\\/wp-content\\\/uploads\\\/2018\\\/11\\\/Inbisa-22@-08.jpg&quot;,&quot;title&quot;:&quot;Mur cortina, proteccions solars d&#039;estructura met\\u00e0l\\u00b7lica i vidres serigrafiats&quot;},{&quot;src&quot;:&quot;https:\\\/\\\/www.garciafaura.com\\\/wp-content\\\/uploads\\\/2018\\\/11\\\/Inbisa-22@-07.jpg&quot;,&quot;title&quot;:&quot;Mur cortina, proteccions solars d&#039;estructura met\\u00e0l\\u00b7lica i vidres serigrafiats&quot;},{&quot;src&quot;:&quot;https:\\\/\\\/www.garciafaura.com\\\/wp-content\\\/uploads\\\/2018\\\/11\\\/Inbisa-22@-05.jpg&quot;,&quot;title&quot;:&quot;Mur cortina, proteccions solars d&#039;estructura met\\u00e0l\\u00b7lica i vidres serigrafiats&quot;},{&quot;src&quot;:&quot;https:\\\/\\\/www.garciafaura.com\\\/wp-content\\\/uploads\\\/2018\\\/11\\\/Inbisa-22@-06.jpg&quot;,&quot;title&quot;:&quot;Mur cortina, proteccions solars d&#039;estructura met\\u00e0l\\u00b7lica i vidres serigrafiats&quot;},{&quot;src&quot;:&quot;https:\\\/\\\/www.garciafaura.com\\\/wp-content\\\/uploads\\\/2018\\\/11\\\/Inbisa-22@-04.jpg&quot;,&quot;title&quot;:&quot;Mur cortina, proteccions solars d&#039;estructura met\\u00e0l\\u00b7lica i vidres serigrafiats&quot;},{&quot;src&quot;:&quot;https:\\\/\\\/www.garciafaura.com\\\/wp-content\\\/uploads\\\/2018\\\/11\\\/Inbisa-22@-03.jpg&quot;,&quot;title&quot;:&quot;Mur cortina, proteccions solars d&#039;estructura met\\u00e0l\\u00b7lica i vidres serigrafiats&quot;},{&quot;src&quot;:&quot;https:\\\/\\\/www.garciafaura.com\\\/wp-content\\\/uploads\\\/2018\\\/11\\\/Inbisa-22@-02.jpg&quot;,&quot;title&quot;:&quot;Mur cortina, proteccions solars d&#039;estructura met\\u00e0l\\u00b7lica i vidres serigrafiats&quot;}]\"><img decoding=\"async\" data-no-lazy=\"1\" class=\"portfolio-entry-img skip-lazy\" src=\"https:\/\/www.garciafaura.com\/wp-content\/uploads\/2018\/11\/Inbisa-22@-01-x.jpg\" alt=\"Mur-rideau, Protections Solaires De Structure M\u00e9tallique Et Verre S\u00e9rigraphi\u00e9\" data-no-retina \/><\/a><\/div><div class=\"portfolio-entry-details entry-details wpex-clr\"><h2 class=\"portfolio-entry-title entry-title\"><a href=\"https:\/\/www.garciafaura.com\/fr\/portfolio-item\/promotion-inbisa-22\/\" title=\"Promotion Inbisa 22@\">Promotion Inbisa 22@<\/a><\/h2><div class=\"portfolio-entry-categories entry-categories wpex-clr\"><a href=\"https:\/\/www.garciafaura.com\/fr\/portfolio-category\/batiments-corporatifs\/\" class=\"term-69\">B\u00e2timents Corporatifs<\/a><\/div><\/div><\/div><\/div><div class=\"portfolio-entry vcex-grid-item entry-has-details span_1_of_3 col col-2 vcex-isotope-entry vcex-no-margin-entry post-20354 entry type-portfolio has-media cat-69 cat-93 translation_priority-5\"><div class=\"portfolio-entry-inner entry-inner wpex-clr\"><div class=\"portfolio-entry-media entry-media wpex-clr\"><a href=\"https:\/\/www.garciafaura.com\/wp-content\/uploads\/2018\/11\/Seu-RBA-04.jpg\" title=\"Si\u00e8ge RBA Editores\" class=\"portfolio-entry-media-link wpex-lightbox-gallery\" data-gallery=\"[{&quot;src&quot;:&quot;https:\\\/\\\/www.garciafaura.com\\\/wp-content\\\/uploads\\\/2018\\\/11\\\/Seu-RBA-04.jpg&quot;,&quot;title&quot;:&quot;Fa\\u00e7ade et ensemble de fermetures int\\u00e9rieures et ext\\u00e9rieures pour le nouveau si\\u00e8ge social du groupe \\u00e9ditorial&quot;},{&quot;src&quot;:&quot;https:\\\/\\\/www.garciafaura.com\\\/wp-content\\\/uploads\\\/2018\\\/11\\\/Seu-RBA-14.jpg&quot;,&quot;title&quot;:&quot;Fa\\u00e7ana i conjunt de tancaments interiors i exteriors\\u00a0de la nova seu corporativa del grup editorialFa\\u00e7ana i conjunt de tancaments interiors i exteriors\\u00a0de la nova seu corporativa del grup editorial&quot;},{&quot;src&quot;:&quot;https:\\\/\\\/www.garciafaura.com\\\/wp-content\\\/uploads\\\/2018\\\/11\\\/Seu-RBA-13.jpg&quot;,&quot;title&quot;:&quot;Fa\\u00e7ana i conjunt de tancaments interiors i exteriors\\u00a0de la nova seu corporativa del grup editorial&quot;},{&quot;src&quot;:&quot;https:\\\/\\\/www.garciafaura.com\\\/wp-content\\\/uploads\\\/2018\\\/11\\\/Seu-RBA-12.jpg&quot;,&quot;title&quot;:&quot;Fa\\u00e7ana i conjunt de tancaments interiors i exteriors\\u00a0de la nova seu corporativa del grup editorial&quot;},{&quot;src&quot;:&quot;https:\\\/\\\/www.garciafaura.com\\\/wp-content\\\/uploads\\\/2018\\\/11\\\/Seu-RBA-11.jpg&quot;,&quot;title&quot;:&quot;Fa\\u00e7ana i conjunt de tancaments interiors i exteriors\\u00a0de la nova seu corporativa del grup editorial&quot;},{&quot;src&quot;:&quot;https:\\\/\\\/www.garciafaura.com\\\/wp-content\\\/uploads\\\/2018\\\/11\\\/Seu-RBA-10.jpg&quot;,&quot;title&quot;:&quot;Fa\\u00e7ana i conjunt de tancaments interiors i exteriors\\u00a0de la nova seu corporativa del grup editorial&quot;},{&quot;src&quot;:&quot;https:\\\/\\\/www.garciafaura.com\\\/wp-content\\\/uploads\\\/2018\\\/11\\\/Seu-RBA-09.jpg&quot;,&quot;title&quot;:&quot;Fa\\u00e7ana i conjunt de tancaments interiors i exteriors\\u00a0de la nova seu corporativa del grup editorial&quot;},{&quot;src&quot;:&quot;https:\\\/\\\/www.garciafaura.com\\\/wp-content\\\/uploads\\\/2018\\\/11\\\/Seu-RBA-08.jpg&quot;,&quot;title&quot;:&quot;Fa\\u00e7ana i conjunt de tancaments interiors i exteriors\\u00a0de la nova seu corporativa del grup editorial&quot;},{&quot;src&quot;:&quot;https:\\\/\\\/www.garciafaura.com\\\/wp-content\\\/uploads\\\/2018\\\/11\\\/Seu-RBA-07.jpg&quot;,&quot;title&quot;:&quot;Fa\\u00e7ana i conjunt de tancaments interiors i exteriors\\u00a0de la nova seu corporativa del grup editorial&quot;},{&quot;src&quot;:&quot;https:\\\/\\\/www.garciafaura.com\\\/wp-content\\\/uploads\\\/2018\\\/11\\\/Seu-RBA-06.jpg&quot;,&quot;title&quot;:&quot;Fa\\u00e7ana i conjunt de tancaments interiors i exteriors\\u00a0de la nova seu corporativa del grup editorial&quot;},{&quot;src&quot;:&quot;https:\\\/\\\/www.garciafaura.com\\\/wp-content\\\/uploads\\\/2018\\\/11\\\/Seu-RBA-05.jpg&quot;,&quot;title&quot;:&quot;Fa\\u00e7ana i conjunt de tancaments interiors i exteriors\\u00a0de la nova seu corporativa del grup editorial&quot;},{&quot;src&quot;:&quot;https:\\\/\\\/www.garciafaura.com\\\/wp-content\\\/uploads\\\/2018\\\/11\\\/Seu-RBA-03.jpg&quot;,&quot;title&quot;:&quot;Fa\\u00e7ana i conjunt de tancaments interiors i exteriors\\u00a0de la nova seu corporativa del grup editorial&quot;},{&quot;src&quot;:&quot;https:\\\/\\\/www.garciafaura.com\\\/wp-content\\\/uploads\\\/2018\\\/11\\\/Seu-RBA-01.jpg&quot;,&quot;title&quot;:&quot;Fa\\u00e7ana i conjunt de tancaments interiors i exteriors\\u00a0de la nova seu corporativa del grup editorial&quot;}]\"><img decoding=\"async\" data-no-lazy=\"1\" class=\"portfolio-entry-img skip-lazy\" src=\"https:\/\/www.garciafaura.com\/wp-content\/uploads\/2018\/11\/Seu-RBA-04-x.jpg\" alt=\"Fa\u00e7ade Et Ensemble De Fermetures Int\u00e9rieures Et Ext\u00e9rieures Pour Le Nouveau Si\u00e8ge Social Du Groupe \u00e9ditorial\" data-no-retina \/><\/a><\/div><div class=\"portfolio-entry-details entry-details wpex-clr\"><h2 class=\"portfolio-entry-title entry-title\"><a href=\"https:\/\/www.garciafaura.com\/fr\/portfolio-item\/siege-rba-editores\/\" title=\"Si\u00e8ge RBA Editores\">Si\u00e8ge RBA Editores<\/a><\/h2><div class=\"portfolio-entry-categories entry-categories wpex-clr\"><a href=\"https:\/\/www.garciafaura.com\/fr\/portfolio-category\/batiments-corporatifs\/\" class=\"term-69\">B\u00e2timents Corporatifs<\/a><\/div><\/div><\/div><\/div><div class=\"portfolio-entry vcex-grid-item entry-has-details span_1_of_3 col col-3 vcex-isotope-entry vcex-no-margin-entry post-20352 entry type-portfolio has-media cat-69 cat-93 translation_priority-5\"><div class=\"portfolio-entry-inner entry-inner wpex-clr\"><div class=\"portfolio-entry-media entry-media wpex-clr\"><a href=\"https:\/\/www.garciafaura.com\/wp-content\/uploads\/2018\/11\/Torre-Inbisa-22@-000.jpg\" title=\"Tour Inbisa 22@\" class=\"portfolio-entry-media-link wpex-lightbox-gallery\" data-gallery=\"[{&quot;src&quot;:&quot;https:\\\/\\\/www.garciafaura.com\\\/wp-content\\\/uploads\\\/2018\\\/11\\\/Torre-Inbisa-22@-000.jpg&quot;},{&quot;src&quot;:&quot;https:\\\/\\\/www.garciafaura.com\\\/wp-content\\\/uploads\\\/2018\\\/11\\\/Torre-Inbisa-22@-00.jpg&quot;},{&quot;src&quot;:&quot;https:\\\/\\\/www.garciafaura.com\\\/wp-content\\\/uploads\\\/2018\\\/11\\\/Torre-Inbisa-22@-01.jpg&quot;,&quot;title&quot;:&quot;Fa\\u00e7anes envidriades de perfileria oculta amb control solar integrat en edifici de dos cossos&quot;},{&quot;src&quot;:&quot;https:\\\/\\\/www.garciafaura.com\\\/wp-content\\\/uploads\\\/2018\\\/11\\\/Torre-Inbisa-22@-12.jpg&quot;,&quot;title&quot;:&quot;Fa\\u00e7anes envidriades de perfileria oculta amb control solar integrat en edifici de dos cossos&quot;},{&quot;src&quot;:&quot;https:\\\/\\\/www.garciafaura.com\\\/wp-content\\\/uploads\\\/2018\\\/11\\\/Torre-Inbisa-22@-11.jpg&quot;,&quot;title&quot;:&quot;Fa\\u00e7anes envidriades de perfileria oculta amb control solar integrat en edifici de dos cossos&quot;},{&quot;src&quot;:&quot;https:\\\/\\\/www.garciafaura.com\\\/wp-content\\\/uploads\\\/2018\\\/11\\\/Torre-Inbisa-22@-10.jpg&quot;,&quot;title&quot;:&quot;Fa\\u00e7anes envidriades de perfileria oculta amb control solar integrat en edifici de dos cossos&quot;},{&quot;src&quot;:&quot;https:\\\/\\\/www.garciafaura.com\\\/wp-content\\\/uploads\\\/2018\\\/11\\\/Torre-Inbisa-22@-09.jpg&quot;,&quot;title&quot;:&quot;Fa\\u00e7anes envidriades de perfileria oculta amb control solar integrat en edifici de dos cossos&quot;},{&quot;src&quot;:&quot;https:\\\/\\\/www.garciafaura.com\\\/wp-content\\\/uploads\\\/2018\\\/11\\\/Torre-Inbisa-22@-08.jpg&quot;,&quot;title&quot;:&quot;Fa\\u00e7anes envidriades de perfileria oculta amb control solar integrat en edifici de dos cossos&quot;},{&quot;src&quot;:&quot;https:\\\/\\\/www.garciafaura.com\\\/wp-content\\\/uploads\\\/2018\\\/11\\\/Torre-Inbisa-22@-07.jpg&quot;,&quot;title&quot;:&quot;Fa\\u00e7anes envidriades de perfileria oculta amb control solar integrat en edifici de dos cossos&quot;},{&quot;src&quot;:&quot;https:\\\/\\\/www.garciafaura.com\\\/wp-content\\\/uploads\\\/2018\\\/11\\\/Torre-Inbisa-22@-06.jpg&quot;,&quot;title&quot;:&quot;Fa\\u00e7anes envidriades de perfileria oculta amb control solar integrat en edifici de dos cossos&quot;},{&quot;src&quot;:&quot;https:\\\/\\\/www.garciafaura.com\\\/wp-content\\\/uploads\\\/2018\\\/11\\\/Torre-Inbisa-22@-05.jpg&quot;,&quot;title&quot;:&quot;Fa\\u00e7anes envidriades de perfileria oculta amb control solar integrat en edifici de dos cossos&quot;},{&quot;src&quot;:&quot;https:\\\/\\\/www.garciafaura.com\\\/wp-content\\\/uploads\\\/2018\\\/11\\\/Torre-Inbisa-22@-04.jpg&quot;,&quot;title&quot;:&quot;Fa\\u00e7anes envidriades de perfileria oculta amb control solar integrat en edifici de dos cossos&quot;},{&quot;src&quot;:&quot;https:\\\/\\\/www.garciafaura.com\\\/wp-content\\\/uploads\\\/2018\\\/11\\\/Torre-Inbisa-22@-03.jpg&quot;,&quot;title&quot;:&quot;Fa\\u00e7anes envidriades de perfileria oculta amb control solar integrat en edifici de dos cossos&quot;},{&quot;src&quot;:&quot;https:\\\/\\\/www.garciafaura.com\\\/wp-content\\\/uploads\\\/2018\\\/11\\\/Torre-Inbisa-22@-02.jpg&quot;,&quot;title&quot;:&quot;Fa\\u00e7anes envidriades de perfileria oculta amb control solar integrat en edifici de dos cossos&quot;}]\"><img loading=\"lazy\" decoding=\"async\" data-no-lazy=\"1\" class=\"portfolio-entry-img skip-lazy\" src=\"https:\/\/www.garciafaura.com\/wp-content\/uploads\/2018\/11\/Torre-Inbisa-22@-000-600x314.jpg\" alt='' data-no-retina width=\"600\" height=\"314\" \/><\/a><\/div><div class=\"portfolio-entry-details entry-details wpex-clr\"><h2 class=\"portfolio-entry-title entry-title\"><a href=\"https:\/\/www.garciafaura.com\/fr\/portfolio-item\/tour-inbisa-22\/\" title=\"Tour Inbisa 22@\">Tour Inbisa 22@<\/a><\/h2><div class=\"portfolio-entry-categories entry-categories wpex-clr\"><a href=\"https:\/\/www.garciafaura.com\/fr\/portfolio-category\/batiments-corporatifs\/\" class=\"term-69\">B\u00e2timents Corporatifs<\/a><\/div><\/div><\/div><\/div><div class=\"portfolio-entry vcex-grid-item entry-has-details span_1_of_3 col col-1 vcex-isotope-entry vcex-no-margin-entry post-20349 entry type-portfolio has-media cat-69 translation_priority-5\"><div class=\"portfolio-entry-inner entry-inner wpex-clr\"><div class=\"portfolio-entry-media entry-media wpex-clr\"><a href=\"https:\/\/www.garciafaura.com\/wp-content\/uploads\/2018\/11\/Torre-Diagonal-00-06.jpg\" title=\"Tour Diagonal 00\" class=\"portfolio-entry-media-link wpex-lightbox-gallery\" data-gallery=\"[{&quot;src&quot;:&quot;https:\\\/\\\/www.garciafaura.com\\\/wp-content\\\/uploads\\\/2018\\\/11\\\/Torre-Diagonal-00-10.jpg&quot;,&quot;title&quot;:&quot;Folrat i acabats en xapa dels m\\u00e9s de 2500\\u00a0pilars interiors d&#039;aquest edifici\\u00a0creat per Enric Massip&quot;},{&quot;src&quot;:&quot;https:\\\/\\\/www.garciafaura.com\\\/wp-content\\\/uploads\\\/2018\\\/11\\\/Torre-Diagonal-00-15.jpg&quot;,&quot;title&quot;:&quot;Folrat i acabats en xapa dels m\\u00e9s de 2500\\u00a0pilars interiors d&#039;aquest edifici\\u00a0creat per Enric Massip&quot;},{&quot;src&quot;:&quot;https:\\\/\\\/www.garciafaura.com\\\/wp-content\\\/uploads\\\/2018\\\/11\\\/Torre-Diagonal-00-14.jpg&quot;,&quot;title&quot;:&quot;Folrat i acabats en xapa dels m\\u00e9s de 2500\\u00a0pilars interiors d&#039;aquest edifici\\u00a0creat per Enric Massip&quot;},{&quot;src&quot;:&quot;https:\\\/\\\/www.garciafaura.com\\\/wp-content\\\/uploads\\\/2018\\\/11\\\/Torre-Diagonal-00-13.jpg&quot;,&quot;title&quot;:&quot;Folrat i acabats en xapa dels m\\u00e9s de 2500\\u00a0pilars interiors d&#039;aquest edifici\\u00a0creat per Enric Massip&quot;},{&quot;src&quot;:&quot;https:\\\/\\\/www.garciafaura.com\\\/wp-content\\\/uploads\\\/2018\\\/11\\\/Torre-Diagonal-00-12.jpg&quot;,&quot;title&quot;:&quot;Folrat i acabats en xapa dels m\\u00e9s de 2500\\u00a0pilars interiors d&#039;aquest edifici\\u00a0creat per Enric Massip&quot;},{&quot;src&quot;:&quot;https:\\\/\\\/www.garciafaura.com\\\/wp-content\\\/uploads\\\/2018\\\/11\\\/Torre-Diagonal-00-11.jpg&quot;,&quot;title&quot;:&quot;Folrat i acabats en xapa dels m\\u00e9s de 2500\\u00a0pilars interiors d&#039;aquest edifici\\u00a0creat per Enric Massip&quot;},{&quot;src&quot;:&quot;https:\\\/\\\/www.garciafaura.com\\\/wp-content\\\/uploads\\\/2018\\\/11\\\/Torre-Diagonal-00-01.jpg&quot;,&quot;title&quot;:&quot;Folrat i acabats en xapa dels m\\u00e9s de 2500\\u00a0pilars interiors d&#039;aquest edifici\\u00a0creat per Enric Massip&quot;},{&quot;src&quot;:&quot;https:\\\/\\\/www.garciafaura.com\\\/wp-content\\\/uploads\\\/2018\\\/11\\\/Torre-Diagonal-00-09.jpg&quot;,&quot;title&quot;:&quot;Folrat i acabats en xapa dels m\\u00e9s de 2500\\u00a0pilars interiors d&#039;aquest edifici\\u00a0creat per Enric Massip&quot;},{&quot;src&quot;:&quot;https:\\\/\\\/www.garciafaura.com\\\/wp-content\\\/uploads\\\/2018\\\/11\\\/Torre-Diagonal-00-08.jpg&quot;,&quot;title&quot;:&quot;Folrat i acabats en xapa dels m\\u00e9s de 2500\\u00a0pilars interiors d&#039;aquest edifici\\u00a0creat per Enric Massip&quot;},{&quot;src&quot;:&quot;https:\\\/\\\/www.garciafaura.com\\\/wp-content\\\/uploads\\\/2018\\\/11\\\/Torre-Diagonal-00-07.jpg&quot;,&quot;title&quot;:&quot;Folrat i acabats en xapa dels m\\u00e9s de 2500\\u00a0pilars interiors d&#039;aquest edifici\\u00a0creat per Enric Massip&quot;},{&quot;src&quot;:&quot;https:\\\/\\\/www.garciafaura.com\\\/wp-content\\\/uploads\\\/2018\\\/11\\\/Torre-Diagonal-00-06.jpg&quot;,&quot;title&quot;:&quot;Doublages et finitions en t\\u00f4le pour les plus de 2500 piliers int\\u00e9rieurs de ce b\\u00e2timent cr\\u00e9\\u00e9 par Enric Massip&quot;},{&quot;src&quot;:&quot;https:\\\/\\\/www.garciafaura.com\\\/wp-content\\\/uploads\\\/2018\\\/11\\\/Torre-Diagonal-00-05.jpg&quot;,&quot;title&quot;:&quot;Folrat i acabats en xapa dels m\\u00e9s de 2500\\u00a0pilars interiors d&#039;aquest edifici\\u00a0creat per Enric Massip&quot;},{&quot;src&quot;:&quot;https:\\\/\\\/www.garciafaura.com\\\/wp-content\\\/uploads\\\/2018\\\/11\\\/Torre-Diagonal-00-04.jpg&quot;,&quot;title&quot;:&quot;Folrat i acabats en xapa dels m\\u00e9s de 2500\\u00a0pilars interiors d&#039;aquest edifici\\u00a0creat per Enric Massip&quot;},{&quot;src&quot;:&quot;https:\\\/\\\/www.garciafaura.com\\\/wp-content\\\/uploads\\\/2018\\\/11\\\/Torre-Diagonal-00-03.jpg&quot;,&quot;title&quot;:&quot;Folrat i acabats en xapa dels m\\u00e9s de 2500\\u00a0pilars interiors d&#039;aquest edifici\\u00a0creat per Enric Massip&quot;},{&quot;src&quot;:&quot;https:\\\/\\\/www.garciafaura.com\\\/wp-content\\\/uploads\\\/2018\\\/11\\\/Torre-Diagonal-00-02.jpg&quot;,&quot;title&quot;:&quot;Folrat i acabats en xapa dels m\\u00e9s de 2500\\u00a0pilars interiors d&#039;aquest edifici\\u00a0creat per Enric Massip&quot;}]\"><img loading=\"lazy\" decoding=\"async\" data-no-lazy=\"1\" class=\"portfolio-entry-img skip-lazy\" src=\"https:\/\/www.garciafaura.com\/wp-content\/uploads\/2018\/11\/Torre-Diagonal-00-06-600x314.jpg\" alt=\"Doublages Et Finitions En T\u00f4le Pour Les Plus De 2500 Piliers Int\u00e9rieurs De Ce B\u00e2timent Cr\u00e9\u00e9 Par Enric Massip\" data-no-retina width=\"600\" height=\"314\" \/><\/a><\/div><div class=\"portfolio-entry-details entry-details wpex-clr\"><h2 class=\"portfolio-entry-title entry-title\"><a href=\"https:\/\/www.garciafaura.com\/fr\/portfolio-item\/tour-diagonal-00\/\" title=\"Tour Diagonal 00\">Tour Diagonal 00<\/a><\/h2><div class=\"portfolio-entry-categories entry-categories wpex-clr\"><a href=\"https:\/\/www.garciafaura.com\/fr\/portfolio-category\/batiments-corporatifs\/\" class=\"term-69\">B\u00e2timents Corporatifs<\/a><\/div><\/div><\/div><\/div><div class=\"portfolio-entry vcex-grid-item entry-has-details span_1_of_3 col col-2 vcex-isotope-entry vcex-no-margin-entry post-20345 entry type-portfolio has-media cat-69 cat-93 translation_priority-5\"><div class=\"portfolio-entry-inner entry-inner wpex-clr\"><div class=\"portfolio-entry-media entry-media wpex-clr\"><a href=\"https:\/\/www.garciafaura.com\/wp-content\/uploads\/2018\/11\/Oficines-Oryzon-Cornella\u0300-02.jpg\" title=\"Bureaux Oryzon\" class=\"portfolio-entry-media-link wpex-lightbox-gallery\" data-gallery=\"[{&quot;src&quot;:&quot;https:\\\/\\\/www.garciafaura.com\\\/wp-content\\\/uploads\\\/2018\\\/11\\\/Oficines-Oryzon-Cornella\\u0300-02.jpg&quot;,&quot;title&quot;:&quot;Mur-rideau incurv\\u00e9 pour Oryzon \\u00e0 Cornell\\u00e0 de Llobregat&quot;},{&quot;src&quot;:&quot;https:\\\/\\\/www.garciafaura.com\\\/wp-content\\\/uploads\\\/2018\\\/11\\\/Oficines-Oryzon-Cornella\\u0300-05.jpg&quot;,&quot;title&quot;:&quot;Mur cortina corvat i fa\\u00e7anes del nou edifici d&#039;Oryzon a Cornell\\u00e0 de Llobregat&quot;},{&quot;src&quot;:&quot;https:\\\/\\\/www.garciafaura.com\\\/wp-content\\\/uploads\\\/2018\\\/11\\\/Oficines-Oryzon-Cornella\\u0300-04.jpg&quot;,&quot;title&quot;:&quot;Mur cortina corvat i fa\\u00e7anes del nou edifici d&#039;Oryzon a Cornell\\u00e0 de Llobregat&quot;},{&quot;src&quot;:&quot;https:\\\/\\\/www.garciafaura.com\\\/wp-content\\\/uploads\\\/2018\\\/11\\\/Oficines-Oryzon-Cornella\\u0300-03.jpg&quot;,&quot;title&quot;:&quot;Mur cortina corvat i fa\\u00e7anes del nou edifici d&#039;Oryzon a Cornell\\u00e0 de Llobregat&quot;},{&quot;src&quot;:&quot;https:\\\/\\\/www.garciafaura.com\\\/wp-content\\\/uploads\\\/2018\\\/11\\\/Oficines-Oryzon-Cornella\\u0300-01.jpg&quot;,&quot;title&quot;:&quot;Mur cortina corvat i fa\\u00e7anes del nou edifici d&#039;Oryzon a Cornell\\u00e0 de Llobregat&quot;}]\"><img loading=\"lazy\" decoding=\"async\" data-no-lazy=\"1\" class=\"portfolio-entry-img skip-lazy\" src=\"https:\/\/www.garciafaura.com\/wp-content\/uploads\/2018\/11\/Oficines-Oryzon-Cornella\u0300-02-600x314.jpg\" alt=\"Mur-rideau Incurv\u00e9 Pour Oryzon \u00e0 Cornell\u00e0 De Llobregat\" data-no-retina width=\"600\" height=\"314\" \/><\/a><\/div><div class=\"portfolio-entry-details entry-details wpex-clr\"><h2 class=\"portfolio-entry-title entry-title\"><a href=\"https:\/\/www.garciafaura.com\/fr\/portfolio-item\/bureaux-oryzon\/\" title=\"Bureaux Oryzon\">Bureaux Oryzon<\/a><\/h2><div class=\"portfolio-entry-categories entry-categories wpex-clr\"><a href=\"https:\/\/www.garciafaura.com\/fr\/portfolio-category\/batiments-corporatifs\/\" class=\"term-69\">B\u00e2timents Corporatifs<\/a><\/div><\/div><\/div><\/div><div class=\"portfolio-entry vcex-grid-item entry-has-details span_1_of_3 col col-3 vcex-isotope-entry vcex-no-margin-entry post-20344 entry type-portfolio has-media cat-69 translation_priority-5\"><div class=\"portfolio-entry-inner entry-inner wpex-clr\"><div class=\"portfolio-entry-media entry-media wpex-clr\"><a href=\"https:\/\/www.garciafaura.com\/wp-content\/uploads\/2018\/11\/Oficines-Aprosa-Sant-Just-01.jpg\" title=\"Bureaux Aprosa\" class=\"portfolio-entry-media-link wpex-lightbox-gallery\" data-gallery=\"[{&quot;src&quot;:&quot;https:\\\/\\\/www.garciafaura.com\\\/wp-content\\\/uploads\\\/2018\\\/11\\\/Oficines-Aprosa-Sant-Just-01.jpg&quot;,&quot;title&quot;:&quot;Travaux sur fa\\u00e7ade et int\\u00e9rieurs pour cette promotion de bureaux \\u00e0 Sant Just Desvern&quot;},{&quot;src&quot;:&quot;https:\\\/\\\/www.garciafaura.com\\\/wp-content\\\/uploads\\\/2018\\\/11\\\/Oficines-Aprosa-Sant-Just-09.jpg&quot;,&quot;title&quot;:&quot;Treballs en fa\\u00e7ana i interiors d&#039;aquesta promoci\\u00f3 d&#039;oficines a Sant Just Desvern&quot;},{&quot;src&quot;:&quot;https:\\\/\\\/www.garciafaura.com\\\/wp-content\\\/uploads\\\/2018\\\/11\\\/Oficines-Aprosa-Sant-Just-08.jpg&quot;,&quot;title&quot;:&quot;Treballs en fa\\u00e7ana i interiors d&#039;aquesta promoci\\u00f3 d&#039;oficines a Sant Just Desvern&quot;},{&quot;src&quot;:&quot;https:\\\/\\\/www.garciafaura.com\\\/wp-content\\\/uploads\\\/2018\\\/11\\\/Oficines-Aprosa-Sant-Just-07.jpg&quot;,&quot;title&quot;:&quot;Treballs en fa\\u00e7ana i interiors d&#039;aquesta promoci\\u00f3 d&#039;oficines a Sant Just Desvern&quot;},{&quot;src&quot;:&quot;https:\\\/\\\/www.garciafaura.com\\\/wp-content\\\/uploads\\\/2018\\\/11\\\/Oficines-Aprosa-Sant-Just-06.jpg&quot;,&quot;title&quot;:&quot;Treballs en fa\\u00e7ana i interiors d&#039;aquesta promoci\\u00f3 d&#039;oficines a Sant Just Desvern&quot;},{&quot;src&quot;:&quot;https:\\\/\\\/www.garciafaura.com\\\/wp-content\\\/uploads\\\/2018\\\/11\\\/Oficines-Aprosa-Sant-Just-05.jpg&quot;,&quot;title&quot;:&quot;Treballs en fa\\u00e7ana i interiors d&#039;aquesta promoci\\u00f3 d&#039;oficines a Sant Just Desvern&quot;},{&quot;src&quot;:&quot;https:\\\/\\\/www.garciafaura.com\\\/wp-content\\\/uploads\\\/2018\\\/11\\\/Oficines-Aprosa-Sant-Just-04.jpg&quot;,&quot;title&quot;:&quot;Treballs en fa\\u00e7ana i interiors d&#039;aquesta promoci\\u00f3 d&#039;oficines a Sant Just Desvern&quot;},{&quot;src&quot;:&quot;https:\\\/\\\/www.garciafaura.com\\\/wp-content\\\/uploads\\\/2018\\\/11\\\/Oficines-Aprosa-Sant-Just-03.jpg&quot;,&quot;title&quot;:&quot;Treballs en fa\\u00e7ana i interiors d&#039;aquesta promoci\\u00f3 d&#039;oficines a Sant Just Desvern&quot;},{&quot;src&quot;:&quot;https:\\\/\\\/www.garciafaura.com\\\/wp-content\\\/uploads\\\/2018\\\/11\\\/Oficines-Aprosa-Sant-Just-02.jpg&quot;,&quot;title&quot;:&quot;Treballs en fa\\u00e7ana i interiors d&#039;aquesta promoci\\u00f3 d&#039;oficines a Sant Just Desvern&quot;}]\"><img loading=\"lazy\" decoding=\"async\" data-no-lazy=\"1\" class=\"portfolio-entry-img skip-lazy\" src=\"https:\/\/www.garciafaura.com\/wp-content\/uploads\/2018\/11\/Oficines-Aprosa-Sant-Just-01-600x314.jpg\" alt=\"Travaux Sur Fa\u00e7ade Et Int\u00e9rieurs Pour Cette Promotion De Bureaux \u00e0 Sant Just Desvern\" data-no-retina width=\"600\" height=\"314\" \/><\/a><\/div><div class=\"portfolio-entry-details entry-details wpex-clr\"><h2 class=\"portfolio-entry-title entry-title\"><a href=\"https:\/\/www.garciafaura.com\/fr\/portfolio-item\/bureaux-aprosa\/\" title=\"Bureaux Aprosa\">Bureaux Aprosa<\/a><\/h2><div class=\"portfolio-entry-categories entry-categories wpex-clr\"><a href=\"https:\/\/www.garciafaura.com\/fr\/portfolio-category\/batiments-corporatifs\/\" class=\"term-69\">B\u00e2timents Corporatifs<\/a><\/div><\/div><\/div><\/div><div class=\"portfolio-entry vcex-grid-item entry-has-details span_1_of_3 col col-1 vcex-isotope-entry vcex-no-margin-entry post-20343 entry type-portfolio has-media cat-69 cat-93 translation_priority-5\"><div class=\"portfolio-entry-inner entry-inner wpex-clr\"><div class=\"portfolio-entry-media entry-media wpex-clr\"><a href=\"https:\/\/www.garciafaura.com\/wp-content\/uploads\/2018\/11\/Edifici-Industrial-Gava\u0300-01.jpg\" title=\"B\u00e2timent industriel\" class=\"portfolio-entry-media-link wpex-lightbox\"><img loading=\"lazy\" decoding=\"async\" data-no-lazy=\"1\" class=\"portfolio-entry-img skip-lazy\" src=\"https:\/\/www.garciafaura.com\/wp-content\/uploads\/2018\/11\/Edifici-Industrial-Gava\u0300-01-600x314.jpg\" alt=\"Mur-rideau Et Fermetures Ext\u00e9rieures Pour Cet Entrep\u00f4t De Gav\u00e0\" data-no-retina width=\"600\" height=\"314\" \/><\/a><\/div><div class=\"portfolio-entry-details entry-details wpex-clr\"><h2 class=\"portfolio-entry-title entry-title\"><a href=\"https:\/\/www.garciafaura.com\/fr\/portfolio-item\/batiment-industriel\/\" title=\"B\u00e2timent industriel\">B\u00e2timent industriel<\/a><\/h2><div class=\"portfolio-entry-categories entry-categories wpex-clr\"><a href=\"https:\/\/www.garciafaura.com\/fr\/portfolio-category\/batiments-corporatifs\/\" class=\"term-69\">B\u00e2timents Corporatifs<\/a><\/div><\/div><\/div><\/div><div class=\"portfolio-entry vcex-grid-item entry-has-details span_1_of_3 col col-2 vcex-isotope-entry vcex-no-margin-entry post-20342 entry type-portfolio has-media cat-69 cat-93 translation_priority-5\"><div class=\"portfolio-entry-inner entry-inner wpex-clr\"><div class=\"portfolio-entry-media entry-media wpex-clr\"><a href=\"https:\/\/www.garciafaura.com\/wp-content\/uploads\/2018\/11\/Edifici-Cobra-Cornella\u0300-03.jpg\" title=\"Immeuble Cobra\" class=\"portfolio-entry-media-link wpex-lightbox-gallery\" data-gallery=\"[{&quot;src&quot;:&quot;https:\\\/\\\/www.garciafaura.com\\\/wp-content\\\/uploads\\\/2018\\\/11\\\/Edifici-Cobra-Cornella\\u0300-01.jpg&quot;,&quot;title&quot;:&quot;Instal\\u00b7laci\\u00f3 de mur cortina i tancaments d&#039;alumini en conjunt d&#039;oficines&quot;},{&quot;src&quot;:&quot;https:\\\/\\\/www.garciafaura.com\\\/wp-content\\\/uploads\\\/2018\\\/11\\\/Edifici-Cobra-Cornella\\u0300-05.jpg&quot;,&quot;title&quot;:&quot;Instal\\u00b7laci\\u00f3 de mur cortina i tancaments d&#039;alumini en conjunt d&#039;oficines&quot;},{&quot;src&quot;:&quot;https:\\\/\\\/www.garciafaura.com\\\/wp-content\\\/uploads\\\/2018\\\/11\\\/Edifici-Cobra-Cornella\\u0300-04.jpg&quot;,&quot;title&quot;:&quot;Instal\\u00b7laci\\u00f3 de mur cortina i tancaments d&#039;alumini en conjunt d&#039;oficines&quot;},{&quot;src&quot;:&quot;https:\\\/\\\/www.garciafaura.com\\\/wp-content\\\/uploads\\\/2018\\\/11\\\/Edifici-Cobra-Cornella\\u0300-03.jpg&quot;,&quot;title&quot;:&quot;Installation de mur-rideau et de fermetures en aluminium dans ensemble de bureaux&quot;},{&quot;src&quot;:&quot;https:\\\/\\\/www.garciafaura.com\\\/wp-content\\\/uploads\\\/2018\\\/11\\\/Edifici-Cobra-Cornella\\u0300-02.jpg&quot;,&quot;title&quot;:&quot;Instal\\u00b7laci\\u00f3 de mur cortina i tancaments d&#039;alumini en conjunt d&#039;oficines&quot;}]\"><img loading=\"lazy\" decoding=\"async\" data-no-lazy=\"1\" class=\"portfolio-entry-img skip-lazy\" src=\"https:\/\/www.garciafaura.com\/wp-content\/uploads\/2018\/11\/Edifici-Cobra-Cornella\u0300-03-600x314.jpg\" alt=\"Installation De Mur-rideau Et De Fermetures En Aluminium Dans Ensemble De Bureaux\" data-no-retina width=\"600\" height=\"314\" \/><\/a><\/div><div class=\"portfolio-entry-details entry-details wpex-clr\"><h2 class=\"portfolio-entry-title entry-title\"><a href=\"https:\/\/www.garciafaura.com\/fr\/portfolio-item\/immeuble-cobra\/\" title=\"Immeuble Cobra\">Immeuble Cobra<\/a><\/h2><div class=\"portfolio-entry-categories entry-categories wpex-clr\"><a href=\"https:\/\/www.garciafaura.com\/fr\/portfolio-category\/batiments-corporatifs\/\" class=\"term-69\">B\u00e2timents Corporatifs<\/a><\/div><\/div><\/div><\/div><div class=\"portfolio-entry vcex-grid-item entry-has-details span_1_of_3 col col-3 vcex-isotope-entry vcex-no-margin-entry post-20337 entry type-portfolio has-media cat-69 translation_priority-5\"><div class=\"portfolio-entry-inner entry-inner wpex-clr\"><div class=\"portfolio-entry-media entry-media wpex-clr\"><a href=\"https:\/\/www.garciafaura.com\/wp-content\/uploads\/2018\/11\/Mimeisa-Catalunya-Ra\u0300dio-01.jpg\" title=\"Immeuble Catalunya R\u00e0dio\" class=\"portfolio-entry-media-link wpex-lightbox-gallery\" data-gallery=\"[{&quot;src&quot;:&quot;https:\\\/\\\/www.garciafaura.com\\\/wp-content\\\/uploads\\\/2018\\\/11\\\/Mimeisa-Catalunya-Ra\\u0300dio-01.jpg&quot;,&quot;title&quot;:&quot;Structure de mur en panneau composite, porte coulissante et vitrage fixe dans la zone&quot;},{&quot;src&quot;:&quot;https:\\\/\\\/www.garciafaura.com\\\/wp-content\\\/uploads\\\/2018\\\/11\\\/Mimeisa-Catalunya-Ra\\u0300dio-03.jpg&quot;,&quot;title&quot;:&quot;Estructura de paret de panell composite, porta corredissa i fixes de vidre en zona&quot;},{&quot;src&quot;:&quot;https:\\\/\\\/www.garciafaura.com\\\/wp-content\\\/uploads\\\/2018\\\/11\\\/Mimeisa-Catalunya-Ra\\u0300dio-02.jpg&quot;,&quot;title&quot;:&quot;Estructura de paret de panell composite, porta corredissa i fixes de vidre en zona&quot;}]\"><img decoding=\"async\" data-no-lazy=\"1\" class=\"portfolio-entry-img skip-lazy\" src=\"https:\/\/www.garciafaura.com\/wp-content\/uploads\/2018\/11\/Mimeisa-Catalunya-Ra\u0300dio-01-x.jpg\" alt=\"Structure De Mur En Panneau Composite, Porte Coulissante Et Vitrage Fixe Dans La Zone\" data-no-retina \/><\/a><\/div><div class=\"portfolio-entry-details entry-details wpex-clr\"><h2 class=\"portfolio-entry-title entry-title\"><a href=\"https:\/\/www.garciafaura.com\/fr\/portfolio-item\/immeuble-catalunya-radio\/\" title=\"Immeuble Catalunya R\u00e0dio\">Immeuble Catalunya R\u00e0dio<\/a><\/h2><div class=\"portfolio-entry-categories entry-categories wpex-clr\"><a href=\"https:\/\/www.garciafaura.com\/fr\/portfolio-category\/batiments-corporatifs\/\" class=\"term-69\">B\u00e2timents Corporatifs<\/a><\/div><\/div><\/div><\/div><div class=\"portfolio-entry vcex-grid-item entry-has-details span_1_of_3 col col-1 vcex-isotope-entry vcex-no-margin-entry post-20005 entry type-portfolio has-media cat-69 translation_priority-5\"><div class=\"portfolio-entry-inner entry-inner wpex-clr\"><div class=\"portfolio-entry-media entry-media wpex-clr\"><a href=\"https:\/\/www.garciafaura.com\/wp-content\/uploads\/2019\/02\/278-01.jpg\" title=\"Bureaux Alting Diagonal\" class=\"portfolio-entry-media-link wpex-lightbox-gallery\" data-gallery=\"[{&quot;src&quot;:&quot;https:\\\/\\\/www.garciafaura.com\\\/wp-content\\\/uploads\\\/2019\\\/02\\\/278-01.jpg&quot;,&quot;title&quot;:&quot;Fermetures pour cet immeuble de bureaux de la soci\\u00e9t\\u00e9 immobili\\u00e8re Alting&quot;},{&quot;src&quot;:&quot;https:\\\/\\\/www.garciafaura.com\\\/wp-content\\\/uploads\\\/2019\\\/02\\\/278-09.jpg&quot;,&quot;title&quot;:&quot;Tancaments i fa\\u00e7ana per a aquest edifici d&#039;oficines de la immobili\\u00e0ria Alting.&quot;},{&quot;src&quot;:&quot;https:\\\/\\\/www.garciafaura.com\\\/wp-content\\\/uploads\\\/2019\\\/02\\\/278-08.jpg&quot;,&quot;title&quot;:&quot;Tancaments i fa\\u00e7ana per a aquest edifici d&#039;oficines de la immobili\\u00e0ria Alting.&quot;},{&quot;src&quot;:&quot;https:\\\/\\\/www.garciafaura.com\\\/wp-content\\\/uploads\\\/2019\\\/02\\\/278-07.jpg&quot;,&quot;title&quot;:&quot;Tancaments i fa\\u00e7ana per a aquest edifici d&#039;oficines de la immobili\\u00e0ria Alting.&quot;},{&quot;src&quot;:&quot;https:\\\/\\\/www.garciafaura.com\\\/wp-content\\\/uploads\\\/2019\\\/02\\\/278-06.jpg&quot;,&quot;title&quot;:&quot;Tancaments i fa\\u00e7ana per a aquest edifici d&#039;oficines de la immobili\\u00e0ria Alting.&quot;},{&quot;src&quot;:&quot;https:\\\/\\\/www.garciafaura.com\\\/wp-content\\\/uploads\\\/2019\\\/02\\\/278-05.jpg&quot;,&quot;title&quot;:&quot;Tancaments i fa\\u00e7ana per a aquest edifici d&#039;oficines de la immobili\\u00e0ria Alting.&quot;},{&quot;src&quot;:&quot;https:\\\/\\\/www.garciafaura.com\\\/wp-content\\\/uploads\\\/2019\\\/02\\\/278-04.jpg&quot;,&quot;title&quot;:&quot;Tancaments i fa\\u00e7ana per a aquest edifici d&#039;oficines de la immobili\\u00e0ria Alting.&quot;},{&quot;src&quot;:&quot;https:\\\/\\\/www.garciafaura.com\\\/wp-content\\\/uploads\\\/2019\\\/02\\\/278-03.jpg&quot;,&quot;title&quot;:&quot;Tancaments i fa\\u00e7ana per a aquest edifici d&#039;oficines de la immobili\\u00e0ria Alting.&quot;},{&quot;src&quot;:&quot;https:\\\/\\\/www.garciafaura.com\\\/wp-content\\\/uploads\\\/2019\\\/02\\\/278-02.jpg&quot;,&quot;title&quot;:&quot;Tancaments i fa\\u00e7ana per a aquest edifici d&#039;oficines de la immobili\\u00e0ria Alting.&quot;}]\"><img loading=\"lazy\" decoding=\"async\" data-no-lazy=\"1\" class=\"portfolio-entry-img skip-lazy\" src=\"https:\/\/www.garciafaura.com\/wp-content\/uploads\/2019\/02\/278-01-600x314.jpg\" alt=\"Fermetures Pour Cet Immeuble De Bureaux De La Soci\u00e9t\u00e9 Immobili\u00e8re Alting\" data-no-retina width=\"600\" height=\"314\" \/><\/a><\/div><div class=\"portfolio-entry-details entry-details wpex-clr\"><h2 class=\"portfolio-entry-title entry-title\"><a href=\"https:\/\/www.garciafaura.com\/fr\/portfolio-item\/bureaux-alting-diagonal\/\" title=\"Bureaux Alting Diagonal\">Bureaux Alting Diagonal<\/a><\/h2><div class=\"portfolio-entry-categories entry-categories wpex-clr\"><a href=\"https:\/\/www.garciafaura.com\/fr\/portfolio-category\/batiments-corporatifs\/\" class=\"term-69\">B\u00e2timents Corporatifs<\/a><\/div><\/div><\/div><\/div><\/div><\/div>[\/vc_column][\/vc_row]\n<\/div>","protected":false},"excerpt":{"rendered":"<p>[vc_row full_width=\u00a0\u00bbstretch_row\u00a0\u00bb wpex_bg_overlay=\u00a0\u00bbcolor\u00a0\u00bb wpex_bg_overlay_color=\u00a0\u00bb#d9d9d9&Prime; wpex_bg_overlay_opacity=\u00a0\u00bb0.85&Prime;][vc_column][vc_column_text]Les entreprises exigent des standards de confort de plus en plus \u00e9lev\u00e9s. De ce fait, GARCIA FAURA dispose de solutions techniques adapt\u00e9es \u00e0 toutes sortes de besoins et qui combinent apparence esth\u00e9tique et fonctionnalit\u00e9. En outre,&hellip;<\/p>\n","protected":false},"author":3,"featured_media":0,"parent":0,"menu_order":0,"comment_status":"closed","ping_status":"closed","template":"","meta":{"footnotes":""},"class_list":["post-20044","page","type-page","status-publish","hentry","entry","no-media"],"yoast_head":"<!-- This site is optimized with the Yoast SEO plugin v26.7 - https:\/\/yoast.com\/wordpress\/plugins\/seo\/ -->\n<title>B\u00e2timents corporatifs ex\u00e9cut\u00e9s par GARCIA FAURA - GARCIA FAURA<\/title>\n<meta name=\"description\" content=\"Arquitectura en Alumini, Inox, Ferro i Vidre\" \/>\n<meta name=\"robots\" content=\"index, follow, max-snippet:-1, max-image-preview:large, max-video-preview:-1\" \/>\n<link rel=\"canonical\" href=\"https:\/\/www.garciafaura.com\/fr\/batiments-corporatifs-executes-par-garcia-faura\/\" \/>\n<meta property=\"og:locale\" content=\"fr_FR\" \/>\n<meta property=\"og:type\" content=\"article\" \/>\n<meta property=\"og:title\" content=\"B\u00e2timents corporatifs ex\u00e9cut\u00e9s par GARCIA FAURA - GARCIA FAURA\" \/>\n<meta property=\"og:description\" content=\"Arquitectura en Alumini, Inox, Ferro i Vidre\" \/>\n<meta property=\"og:url\" content=\"https:\/\/www.garciafaura.com\/fr\/batiments-corporatifs-executes-par-garcia-faura\/\" \/>\n<meta property=\"og:site_name\" content=\"GARCIA FAURA\" \/>\n<meta property=\"article:modified_time\" content=\"2021-08-02T10:24:14+00:00\" \/>\n<meta name=\"twitter:card\" content=\"summary_large_image\" \/>\n<meta name=\"twitter:label1\" content=\"Dur\u00e9e de lecture estim\u00e9e\" \/>\n\t<meta name=\"twitter:data1\" content=\"1 minute\" \/>\n<script type=\"application\/ld+json\" class=\"yoast-schema-graph\">{\"@context\":\"https:\/\/schema.org\",\"@graph\":[{\"@type\":\"WebPage\",\"@id\":\"https:\/\/www.garciafaura.com\/fr\/batiments-corporatifs-executes-par-garcia-faura\/\",\"url\":\"https:\/\/www.garciafaura.com\/fr\/batiments-corporatifs-executes-par-garcia-faura\/\",\"name\":\"B\u00e2timents corporatifs ex\u00e9cut\u00e9s par GARCIA FAURA - GARCIA FAURA\",\"isPartOf\":{\"@id\":\"https:\/\/www.garciafaura.com\/fr\/#website\"},\"datePublished\":\"2019-05-24T11:09:32+00:00\",\"dateModified\":\"2021-08-02T10:24:14+00:00\",\"description\":\"Arquitectura en Alumini, Inox, Ferro i Vidre\",\"breadcrumb\":{\"@id\":\"https:\/\/www.garciafaura.com\/fr\/batiments-corporatifs-executes-par-garcia-faura\/#breadcrumb\"},\"inLanguage\":\"fr-FR\",\"potentialAction\":[{\"@type\":\"ReadAction\",\"target\":[\"https:\/\/www.garciafaura.com\/fr\/batiments-corporatifs-executes-par-garcia-faura\/\"]}]},{\"@type\":\"BreadcrumbList\",\"@id\":\"https:\/\/www.garciafaura.com\/fr\/batiments-corporatifs-executes-par-garcia-faura\/#breadcrumb\",\"itemListElement\":[{\"@type\":\"ListItem\",\"position\":1,\"name\":\"Inici\",\"item\":\"https:\/\/www.garciafaura.com\/fr\/\"},{\"@type\":\"ListItem\",\"position\":2,\"name\":\"B\u00e2timents corporatifs ex\u00e9cut\u00e9s par GARCIA FAURA\"}]},{\"@type\":\"WebSite\",\"@id\":\"https:\/\/www.garciafaura.com\/fr\/#website\",\"url\":\"https:\/\/www.garciafaura.com\/fr\/\",\"name\":\"GARCIA FAURA\",\"description\":\"Arquitectura en Alumini, Inox, Ferro i Vidre\",\"publisher\":{\"@id\":\"https:\/\/www.garciafaura.com\/fr\/#organization\"},\"potentialAction\":[{\"@type\":\"SearchAction\",\"target\":{\"@type\":\"EntryPoint\",\"urlTemplate\":\"https:\/\/www.garciafaura.com\/fr\/?s={search_term_string}\"},\"query-input\":{\"@type\":\"PropertyValueSpecification\",\"valueRequired\":true,\"valueName\":\"search_term_string\"}}],\"inLanguage\":\"fr-FR\"},{\"@type\":\"Organization\",\"@id\":\"https:\/\/www.garciafaura.com\/fr\/#organization\",\"name\":\"GARCIA FAURA\",\"url\":\"https:\/\/www.garciafaura.com\/fr\/\",\"logo\":{\"@type\":\"ImageObject\",\"inLanguage\":\"fr-FR\",\"@id\":\"https:\/\/www.garciafaura.com\/fr\/#\/schema\/logo\/image\/\",\"url\":\"https:\/\/www.garciafaura.com\/wp-content\/uploads\/2018\/09\/Garcia-Faura.png\",\"contentUrl\":\"https:\/\/www.garciafaura.com\/wp-content\/uploads\/2018\/09\/Garcia-Faura.png\",\"width\":512,\"height\":512,\"caption\":\"GARCIA FAURA\"},\"image\":{\"@id\":\"https:\/\/www.garciafaura.com\/fr\/#\/schema\/logo\/image\/\"},\"sameAs\":[\"https:\/\/www.youtube.com\/user\/GARCIAFAURA\"]}]}<\/script>\n<!-- \/ Yoast SEO plugin. -->","yoast_head_json":{"title":"B\u00e2timents corporatifs ex\u00e9cut\u00e9s par GARCIA FAURA - GARCIA FAURA","description":"Arquitectura en Alumini, Inox, Ferro i Vidre","robots":{"index":"index","follow":"follow","max-snippet":"max-snippet:-1","max-image-preview":"max-image-preview:large","max-video-preview":"max-video-preview:-1"},"canonical":"https:\/\/www.garciafaura.com\/fr\/batiments-corporatifs-executes-par-garcia-faura\/","og_locale":"fr_FR","og_type":"article","og_title":"B\u00e2timents corporatifs ex\u00e9cut\u00e9s par GARCIA FAURA - GARCIA FAURA","og_description":"Arquitectura en Alumini, Inox, Ferro i Vidre","og_url":"https:\/\/www.garciafaura.com\/fr\/batiments-corporatifs-executes-par-garcia-faura\/","og_site_name":"GARCIA FAURA","article_modified_time":"2021-08-02T10:24:14+00:00","twitter_card":"summary_large_image","twitter_misc":{"Dur\u00e9e de lecture estim\u00e9e":"1 minute"},"schema":{"@context":"https:\/\/schema.org","@graph":[{"@type":"WebPage","@id":"https:\/\/www.garciafaura.com\/fr\/batiments-corporatifs-executes-par-garcia-faura\/","url":"https:\/\/www.garciafaura.com\/fr\/batiments-corporatifs-executes-par-garcia-faura\/","name":"B\u00e2timents corporatifs ex\u00e9cut\u00e9s par GARCIA FAURA - GARCIA FAURA","isPartOf":{"@id":"https:\/\/www.garciafaura.com\/fr\/#website"},"datePublished":"2019-05-24T11:09:32+00:00","dateModified":"2021-08-02T10:24:14+00:00","description":"Arquitectura en Alumini, Inox, Ferro i Vidre","breadcrumb":{"@id":"https:\/\/www.garciafaura.com\/fr\/batiments-corporatifs-executes-par-garcia-faura\/#breadcrumb"},"inLanguage":"fr-FR","potentialAction":[{"@type":"ReadAction","target":["https:\/\/www.garciafaura.com\/fr\/batiments-corporatifs-executes-par-garcia-faura\/"]}]},{"@type":"BreadcrumbList","@id":"https:\/\/www.garciafaura.com\/fr\/batiments-corporatifs-executes-par-garcia-faura\/#breadcrumb","itemListElement":[{"@type":"ListItem","position":1,"name":"Inici","item":"https:\/\/www.garciafaura.com\/fr\/"},{"@type":"ListItem","position":2,"name":"B\u00e2timents corporatifs ex\u00e9cut\u00e9s par GARCIA FAURA"}]},{"@type":"WebSite","@id":"https:\/\/www.garciafaura.com\/fr\/#website","url":"https:\/\/www.garciafaura.com\/fr\/","name":"GARCIA FAURA","description":"Arquitectura en Alumini, Inox, Ferro i Vidre","publisher":{"@id":"https:\/\/www.garciafaura.com\/fr\/#organization"},"potentialAction":[{"@type":"SearchAction","target":{"@type":"EntryPoint","urlTemplate":"https:\/\/www.garciafaura.com\/fr\/?s={search_term_string}"},"query-input":{"@type":"PropertyValueSpecification","valueRequired":true,"valueName":"search_term_string"}}],"inLanguage":"fr-FR"},{"@type":"Organization","@id":"https:\/\/www.garciafaura.com\/fr\/#organization","name":"GARCIA FAURA","url":"https:\/\/www.garciafaura.com\/fr\/","logo":{"@type":"ImageObject","inLanguage":"fr-FR","@id":"https:\/\/www.garciafaura.com\/fr\/#\/schema\/logo\/image\/","url":"https:\/\/www.garciafaura.com\/wp-content\/uploads\/2018\/09\/Garcia-Faura.png","contentUrl":"https:\/\/www.garciafaura.com\/wp-content\/uploads\/2018\/09\/Garcia-Faura.png","width":512,"height":512,"caption":"GARCIA FAURA"},"image":{"@id":"https:\/\/www.garciafaura.com\/fr\/#\/schema\/logo\/image\/"},"sameAs":["https:\/\/www.youtube.com\/user\/GARCIAFAURA"]}]}},"_links":{"self":[{"href":"https:\/\/www.garciafaura.com\/fr\/wp-json\/wp\/v2\/pages\/20044","targetHints":{"allow":["GET"]}}],"collection":[{"href":"https:\/\/www.garciafaura.com\/fr\/wp-json\/wp\/v2\/pages"}],"about":[{"href":"https:\/\/www.garciafaura.com\/fr\/wp-json\/wp\/v2\/types\/page"}],"author":[{"embeddable":true,"href":"https:\/\/www.garciafaura.com\/fr\/wp-json\/wp\/v2\/users\/3"}],"replies":[{"embeddable":true,"href":"https:\/\/www.garciafaura.com\/fr\/wp-json\/wp\/v2\/comments?post=20044"}],"version-history":[{"count":7,"href":"https:\/\/www.garciafaura.com\/fr\/wp-json\/wp\/v2\/pages\/20044\/revisions"}],"predecessor-version":[{"id":27882,"href":"https:\/\/www.garciafaura.com\/fr\/wp-json\/wp\/v2\/pages\/20044\/revisions\/27882"}],"wp:attachment":[{"href":"https:\/\/www.garciafaura.com\/fr\/wp-json\/wp\/v2\/media?parent=20044"}],"curies":[{"name":"wp","href":"https:\/\/api.w.org\/{rel}","templated":true}]}}