{"id":20042,"date":"2019-05-24T11:09:21","date_gmt":"2019-05-24T11:09:21","guid":{"rendered":"https:\/\/www.garciafaura.com\/batiments-de-services-executes-par-garcia-faura\/"},"modified":"2021-08-02T12:24:46","modified_gmt":"2021-08-02T10:24:46","slug":"batiments-de-services-executes-par-garcia-faura","status":"publish","type":"page","link":"https:\/\/www.garciafaura.com\/fr\/batiments-de-services-executes-par-garcia-faura\/","title":{"rendered":"B\u00e2timents de Services ex\u00e9cut\u00e9s par GARCIA FAURA"},"content":{"rendered":"<div class=\"wpb-content-wrapper\">[vc_row full_width=\u00a0\u00bbstretch_row\u00a0\u00bb wpex_bg_overlay=\u00a0\u00bbcolor\u00a0\u00bb wpex_bg_overlay_color=\u00a0\u00bb#d9d9d9&Prime; wpex_bg_overlay_opacity=\u00a0\u00bb0.85&Prime;][vc_column]<div class=\"vcex-spacing\" style=\"height:30px\"><\/div>[vc_column_text]<span style=\"font-family: 'Open Sans'; font-size: 18px;\">Ouvrage public et b\u00e2timents destin\u00e9s \u00e0 l&rsquo;usage des citoyens. Qu&rsquo;il s&rsquo;agisse de centres m\u00e9dicaux, de b\u00e2timents sportifs ou \u00e9ducatifs ou de centres culturels, <strong>GARCIA FAURA<\/strong> met tout son savoir-faire et sa capacit\u00e9 technique au service de l&rsquo;usage public. Tous types de services. <\/span>[\/vc_column_text][\/vc_column][\/vc_row][vc_row][vc_column width=\u00a0\u00bb1\/2&Prime;][\/vc_column][vc_column width=\u00a0\u00bb1\/2&Prime;]<div class=\"vcex-spacing\" style=\"height:30px\"><\/div><div class=\"vcex-module vcex-searchbar clr\"><form method=\"get\" class=\"vcex-searchbar-form\" action=\"https:\/\/www.garciafaura.com\/fr\/\"><input type=\"search\" class=\"vcex-searchbar-input \" name=\"s\" placeholder=\"Recherche\" \/><input type=\"hidden\" name=\"post_type\" value=\"portfolio\"><input type=\"hidden\" name=\"lang\" value=\"fr\"><button class=\"vcex-searchbar-button\" style=\"background:#d7515e;font-weight:200;\">Recherche de projets<\/button><\/form><\/div>[\/vc_column][\/vc_row][vc_row full_width=\u00a0\u00bbstretch_row\u00a0\u00bb][vc_column]<div class=\"vcex-module vcex-portfolio-grid-wrap wpex-clr\"><div class=\"wpex-row vcex-portfolio-grid wpex-clr entries vcex-isotope-grid vcex-no-margin-grid\" data-show_title=\"false\"><div class=\"portfolio-entry vcex-grid-item entry-has-details span_1_of_3 col col-1 vcex-isotope-entry vcex-no-margin-entry post-41123 entry type-portfolio has-media cat-75 cat-90 translation_priority-5\"><div class=\"portfolio-entry-inner entry-inner wpex-clr\"><div class=\"portfolio-entry-media entry-media wpex-clr\"><a href=\"https:\/\/www.garciafaura.com\/wp-content\/uploads\/2025\/09\/Oficines-SAIER-Barcelona-11.jpg\" title=\"R\u00e9novation bureaux SAIER Barcelone\" class=\"portfolio-entry-media-link wpex-lightbox-gallery\" data-gallery=\"[{&quot;src&quot;:&quot;https:\\\/\\\/www.garciafaura.com\\\/wp-content\\\/uploads\\\/2025\\\/09\\\/Oficines-SAIER-Barcelona-11.jpg&quot;},{&quot;src&quot;:&quot;https:\\\/\\\/www.garciafaura.com\\\/wp-content\\\/uploads\\\/2025\\\/09\\\/Oficines-SAIER-Barcelona-01.jpg&quot;},{&quot;src&quot;:&quot;https:\\\/\\\/www.garciafaura.com\\\/wp-content\\\/uploads\\\/2025\\\/09\\\/Oficines-SAIER-Barcelona-02.jpg&quot;},{&quot;src&quot;:&quot;https:\\\/\\\/www.garciafaura.com\\\/wp-content\\\/uploads\\\/2025\\\/09\\\/Oficines-SAIER-Barcelona-03.jpg&quot;},{&quot;src&quot;:&quot;https:\\\/\\\/www.garciafaura.com\\\/wp-content\\\/uploads\\\/2025\\\/09\\\/Oficines-SAIER-Barcelona-04.jpg&quot;},{&quot;src&quot;:&quot;https:\\\/\\\/www.garciafaura.com\\\/wp-content\\\/uploads\\\/2025\\\/09\\\/Oficines-SAIER-Barcelona-05.jpg&quot;},{&quot;src&quot;:&quot;https:\\\/\\\/www.garciafaura.com\\\/wp-content\\\/uploads\\\/2025\\\/09\\\/Oficines-SAIER-Barcelona-06.jpg&quot;},{&quot;src&quot;:&quot;https:\\\/\\\/www.garciafaura.com\\\/wp-content\\\/uploads\\\/2025\\\/09\\\/Oficines-SAIER-Barcelona-07.jpg&quot;},{&quot;src&quot;:&quot;https:\\\/\\\/www.garciafaura.com\\\/wp-content\\\/uploads\\\/2025\\\/09\\\/Oficines-SAIER-Barcelona-08.jpg&quot;},{&quot;src&quot;:&quot;https:\\\/\\\/www.garciafaura.com\\\/wp-content\\\/uploads\\\/2025\\\/09\\\/Oficines-SAIER-Barcelona-09.jpg&quot;},{&quot;src&quot;:&quot;https:\\\/\\\/www.garciafaura.com\\\/wp-content\\\/uploads\\\/2025\\\/09\\\/Oficines-SAIER-Barcelona-10.jpg&quot;},{&quot;src&quot;:&quot;https:\\\/\\\/www.garciafaura.com\\\/wp-content\\\/uploads\\\/2025\\\/09\\\/Oficines-SAIER-Barcelona-12.jpg&quot;},{&quot;src&quot;:&quot;https:\\\/\\\/www.garciafaura.com\\\/wp-content\\\/uploads\\\/2025\\\/09\\\/Oficines-SAIER-Barcelona-13.jpg&quot;},{&quot;src&quot;:&quot;https:\\\/\\\/www.garciafaura.com\\\/wp-content\\\/uploads\\\/2025\\\/09\\\/Oficines-SAIER-Barcelona-14.jpg&quot;},{&quot;src&quot;:&quot;https:\\\/\\\/www.garciafaura.com\\\/wp-content\\\/uploads\\\/2025\\\/09\\\/Oficines-SAIER-Barcelona-15.jpg&quot;},{&quot;src&quot;:&quot;https:\\\/\\\/www.garciafaura.com\\\/wp-content\\\/uploads\\\/2025\\\/09\\\/Oficines-SAIER-Barcelona-16.jpg&quot;},{&quot;src&quot;:&quot;https:\\\/\\\/www.garciafaura.com\\\/wp-content\\\/uploads\\\/2025\\\/09\\\/Oficines-SAIER-Barcelona-17.jpg&quot;},{&quot;src&quot;:&quot;https:\\\/\\\/www.garciafaura.com\\\/wp-content\\\/uploads\\\/2025\\\/09\\\/Oficines-SAIER-Barcelona-18.jpg&quot;},{&quot;src&quot;:&quot;https:\\\/\\\/www.garciafaura.com\\\/wp-content\\\/uploads\\\/2025\\\/09\\\/Oficines-SAIER-Barcelona-19.jpg&quot;},{&quot;src&quot;:&quot;https:\\\/\\\/www.garciafaura.com\\\/wp-content\\\/uploads\\\/2025\\\/09\\\/Oficines-SAIER-Barcelona-20.jpg&quot;},{&quot;src&quot;:&quot;https:\\\/\\\/www.garciafaura.com\\\/wp-content\\\/uploads\\\/2025\\\/09\\\/Oficines-SAIER-Barcelona-21.jpg&quot;},{&quot;src&quot;:&quot;https:\\\/\\\/www.garciafaura.com\\\/wp-content\\\/uploads\\\/2025\\\/09\\\/Oficines-SAIER-Barcelona-22.jpg&quot;},{&quot;src&quot;:&quot;https:\\\/\\\/www.garciafaura.com\\\/wp-content\\\/uploads\\\/2025\\\/09\\\/Oficines-SAIER-Barcelona-23.jpg&quot;},{&quot;src&quot;:&quot;https:\\\/\\\/www.garciafaura.com\\\/wp-content\\\/uploads\\\/2025\\\/09\\\/Oficines-SAIER-Barcelona-24.jpg&quot;},{&quot;src&quot;:&quot;https:\\\/\\\/www.garciafaura.com\\\/wp-content\\\/uploads\\\/2025\\\/09\\\/Oficines-SAIER-Barcelona-25.jpg&quot;},{&quot;src&quot;:&quot;https:\\\/\\\/www.garciafaura.com\\\/wp-content\\\/uploads\\\/2025\\\/09\\\/Oficines-SAIER-Barcelona-26.jpg&quot;},{&quot;src&quot;:&quot;https:\\\/\\\/www.garciafaura.com\\\/wp-content\\\/uploads\\\/2025\\\/09\\\/Oficines-SAIER-Barcelona-27.jpg&quot;},{&quot;src&quot;:&quot;https:\\\/\\\/www.garciafaura.com\\\/wp-content\\\/uploads\\\/2025\\\/09\\\/Oficines-SAIER-Barcelona-28.jpg&quot;},{&quot;src&quot;:&quot;https:\\\/\\\/www.garciafaura.com\\\/wp-content\\\/uploads\\\/2025\\\/09\\\/Oficines-SAIER-Barcelona-29.jpg&quot;},{&quot;src&quot;:&quot;https:\\\/\\\/www.garciafaura.com\\\/wp-content\\\/uploads\\\/2025\\\/09\\\/Oficines-SAIER-Barcelona-30.jpg&quot;},{&quot;src&quot;:&quot;https:\\\/\\\/www.garciafaura.com\\\/wp-content\\\/uploads\\\/2025\\\/09\\\/Oficines-SAIER-Barcelona-31.jpg&quot;},{&quot;src&quot;:&quot;https:\\\/\\\/www.garciafaura.com\\\/wp-content\\\/uploads\\\/2025\\\/09\\\/Oficines-SAIER-Barcelona-32.jpg&quot;},{&quot;src&quot;:&quot;https:\\\/\\\/www.garciafaura.com\\\/wp-content\\\/uploads\\\/2025\\\/09\\\/Oficines-SAIER-Barcelona-33.jpg&quot;},{&quot;src&quot;:&quot;https:\\\/\\\/www.garciafaura.com\\\/wp-content\\\/uploads\\\/2025\\\/09\\\/Oficines-SAIER-Barcelona-34.jpg&quot;},{&quot;src&quot;:&quot;https:\\\/\\\/www.garciafaura.com\\\/wp-content\\\/uploads\\\/2025\\\/09\\\/Oficines-SAIER-Barcelona-35.jpg&quot;},{&quot;src&quot;:&quot;https:\\\/\\\/www.garciafaura.com\\\/wp-content\\\/uploads\\\/2025\\\/09\\\/Oficines-SAIER-Barcelona-36.jpg&quot;},{&quot;src&quot;:&quot;https:\\\/\\\/www.garciafaura.com\\\/wp-content\\\/uploads\\\/2025\\\/09\\\/Oficines-SAIER-Barcelona-37.jpg&quot;},{&quot;src&quot;:&quot;https:\\\/\\\/www.garciafaura.com\\\/wp-content\\\/uploads\\\/2025\\\/09\\\/Oficines-SAIER-Barcelona-38.jpg&quot;},{&quot;src&quot;:&quot;https:\\\/\\\/www.garciafaura.com\\\/wp-content\\\/uploads\\\/2025\\\/09\\\/Oficines-SAIER-Barcelona-39.jpg&quot;}]\"><img loading=\"lazy\" decoding=\"async\" data-no-lazy=\"1\" class=\"portfolio-entry-img skip-lazy\" src=\"https:\/\/www.garciafaura.com\/wp-content\/uploads\/2025\/09\/Oficines-SAIER-Barcelona-11-600x314.jpg\" alt='' data-no-retina width=\"600\" height=\"314\" \/><\/a><\/div><div class=\"portfolio-entry-details entry-details wpex-clr\"><h2 class=\"portfolio-entry-title entry-title\"><a href=\"https:\/\/www.garciafaura.com\/fr\/portfolio-item\/rehabilitacio-edifici-doficines-saier-barcelona\/\" title=\"R\u00e9novation bureaux SAIER Barcelone\">R\u00e9novation bureaux SAIER Barcelone<\/a><\/h2><div class=\"portfolio-entry-categories entry-categories wpex-clr\"><a href=\"https:\/\/www.garciafaura.com\/fr\/portfolio-category\/batiments-de-services\/\" class=\"term-75\">B\u00e2timents de Services<\/a><\/div><\/div><\/div><\/div><div class=\"portfolio-entry vcex-grid-item entry-has-details span_1_of_3 col col-2 vcex-isotope-entry vcex-no-margin-entry post-33671 entry type-portfolio has-media cat-75 translation_priority-5\"><div class=\"portfolio-entry-inner entry-inner wpex-clr\"><div class=\"portfolio-entry-media entry-media wpex-clr\"><a href=\"https:\/\/www.garciafaura.com\/wp-content\/uploads\/2023\/11\/Nou-Institut-Mollet-16.jpg\" title=\"Nouveau lyc\u00e9e \u00e0 Mollet del Vall\u00e8s\" class=\"portfolio-entry-media-link wpex-lightbox-gallery\" data-gallery=\"[{&quot;src&quot;:&quot;https:\\\/\\\/www.garciafaura.com\\\/wp-content\\\/uploads\\\/2023\\\/11\\\/Nou-Institut-Mollet-16.jpg&quot;},{&quot;src&quot;:&quot;https:\\\/\\\/www.garciafaura.com\\\/wp-content\\\/uploads\\\/2023\\\/11\\\/Nou-Institut-Mollet-15.jpg&quot;},{&quot;src&quot;:&quot;https:\\\/\\\/www.garciafaura.com\\\/wp-content\\\/uploads\\\/2023\\\/11\\\/Nou-Institut-Mollet-14.jpg&quot;},{&quot;src&quot;:&quot;https:\\\/\\\/www.garciafaura.com\\\/wp-content\\\/uploads\\\/2023\\\/11\\\/Nou-Institut-Mollet-13.jpg&quot;},{&quot;src&quot;:&quot;https:\\\/\\\/www.garciafaura.com\\\/wp-content\\\/uploads\\\/2023\\\/11\\\/Nou-Institut-Mollet-12.jpg&quot;},{&quot;src&quot;:&quot;https:\\\/\\\/www.garciafaura.com\\\/wp-content\\\/uploads\\\/2023\\\/11\\\/Nou-Institut-Mollet-11.jpg&quot;},{&quot;src&quot;:&quot;https:\\\/\\\/www.garciafaura.com\\\/wp-content\\\/uploads\\\/2023\\\/11\\\/Nou-Institut-Mollet-10.jpg&quot;},{&quot;src&quot;:&quot;https:\\\/\\\/www.garciafaura.com\\\/wp-content\\\/uploads\\\/2023\\\/11\\\/Nou-Institut-Mollet-09.jpg&quot;},{&quot;src&quot;:&quot;https:\\\/\\\/www.garciafaura.com\\\/wp-content\\\/uploads\\\/2023\\\/11\\\/Nou-Institut-Mollet-08.jpg&quot;},{&quot;src&quot;:&quot;https:\\\/\\\/www.garciafaura.com\\\/wp-content\\\/uploads\\\/2023\\\/11\\\/Nou-Institut-Mollet-07.jpg&quot;},{&quot;src&quot;:&quot;https:\\\/\\\/www.garciafaura.com\\\/wp-content\\\/uploads\\\/2023\\\/11\\\/Nou-Institut-Mollet-06.jpg&quot;},{&quot;src&quot;:&quot;https:\\\/\\\/www.garciafaura.com\\\/wp-content\\\/uploads\\\/2023\\\/11\\\/Nou-Institut-Mollet-05.jpg&quot;},{&quot;src&quot;:&quot;https:\\\/\\\/www.garciafaura.com\\\/wp-content\\\/uploads\\\/2023\\\/11\\\/Nou-Institut-Mollet-04.jpg&quot;},{&quot;src&quot;:&quot;https:\\\/\\\/www.garciafaura.com\\\/wp-content\\\/uploads\\\/2023\\\/11\\\/Nou-Institut-Mollet-03.jpg&quot;},{&quot;src&quot;:&quot;https:\\\/\\\/www.garciafaura.com\\\/wp-content\\\/uploads\\\/2023\\\/11\\\/Nou-Institut-Mollet-02.jpg&quot;},{&quot;src&quot;:&quot;https:\\\/\\\/www.garciafaura.com\\\/wp-content\\\/uploads\\\/2023\\\/11\\\/Nou-Institut-Mollet-01.jpg&quot;}]\"><img loading=\"lazy\" decoding=\"async\" data-no-lazy=\"1\" class=\"portfolio-entry-img skip-lazy\" src=\"https:\/\/www.garciafaura.com\/wp-content\/uploads\/2023\/11\/Nou-Institut-Mollet-16-600x314.jpg\" alt='' data-no-retina width=\"600\" height=\"314\" \/><\/a><\/div><div class=\"portfolio-entry-details entry-details wpex-clr\"><h2 class=\"portfolio-entry-title entry-title\"><a href=\"https:\/\/www.garciafaura.com\/fr\/portfolio-item\/nou-institut-de-mollet-del-valles\/\" title=\"Nouveau lyc\u00e9e \u00e0 Mollet del Vall\u00e8s\">Nouveau lyc\u00e9e \u00e0 Mollet del Vall\u00e8s<\/a><\/h2><div class=\"portfolio-entry-categories entry-categories wpex-clr\"><a href=\"https:\/\/www.garciafaura.com\/fr\/portfolio-category\/batiments-de-services\/\" class=\"term-75\">B\u00e2timents de Services<\/a><\/div><\/div><\/div><\/div><div class=\"portfolio-entry vcex-grid-item entry-has-details span_1_of_3 col col-3 vcex-isotope-entry vcex-no-margin-entry post-32478 entry type-portfolio has-media cat-75 cat-92 translation_priority-5\"><div class=\"portfolio-entry-inner entry-inner wpex-clr\"><div class=\"portfolio-entry-media entry-media wpex-clr\"><a href=\"https:\/\/www.garciafaura.com\/wp-content\/uploads\/2023\/08\/Nou-edifici-de-serveis-Reial-Club-de-Polo-12.jpg\" title=\"Nouveau b\u00e2timent des services du RCP\" class=\"portfolio-entry-media-link wpex-lightbox-gallery\" data-gallery=\"[{&quot;src&quot;:&quot;https:\\\/\\\/www.garciafaura.com\\\/wp-content\\\/uploads\\\/2023\\\/08\\\/Nou-edifici-de-serveis-Reial-Club-de-Polo-12.jpg&quot;},{&quot;src&quot;:&quot;https:\\\/\\\/www.garciafaura.com\\\/wp-content\\\/uploads\\\/2023\\\/08\\\/Nou-edifici-de-serveis-Reial-Club-de-Polo-35.jpg&quot;},{&quot;src&quot;:&quot;https:\\\/\\\/www.garciafaura.com\\\/wp-content\\\/uploads\\\/2023\\\/08\\\/Nou-edifici-de-serveis-Reial-Club-de-Polo-10.jpg&quot;},{&quot;src&quot;:&quot;https:\\\/\\\/www.garciafaura.com\\\/wp-content\\\/uploads\\\/2023\\\/08\\\/Nou-edifici-de-serveis-Reial-Club-de-Polo-09.jpg&quot;},{&quot;src&quot;:&quot;https:\\\/\\\/www.garciafaura.com\\\/wp-content\\\/uploads\\\/2023\\\/08\\\/Nou-edifici-de-serveis-Reial-Club-de-Polo-24.jpg&quot;},{&quot;src&quot;:&quot;https:\\\/\\\/www.garciafaura.com\\\/wp-content\\\/uploads\\\/2023\\\/08\\\/Nou-edifici-de-serveis-Reial-Club-de-Polo-23.jpg&quot;},{&quot;src&quot;:&quot;https:\\\/\\\/www.garciafaura.com\\\/wp-content\\\/uploads\\\/2023\\\/08\\\/Nou-edifici-de-serveis-Reial-Club-de-Polo-53.jpg&quot;},{&quot;src&quot;:&quot;https:\\\/\\\/www.garciafaura.com\\\/wp-content\\\/uploads\\\/2023\\\/08\\\/Nou-edifici-de-serveis-Reial-Club-de-Polo-52.jpg&quot;},{&quot;src&quot;:&quot;https:\\\/\\\/www.garciafaura.com\\\/wp-content\\\/uploads\\\/2023\\\/08\\\/Nou-edifici-de-serveis-Reial-Club-de-Polo-51.jpg&quot;},{&quot;src&quot;:&quot;https:\\\/\\\/www.garciafaura.com\\\/wp-content\\\/uploads\\\/2023\\\/08\\\/Nou-edifici-de-serveis-Reial-Club-de-Polo-15.jpg&quot;},{&quot;src&quot;:&quot;https:\\\/\\\/www.garciafaura.com\\\/wp-content\\\/uploads\\\/2023\\\/08\\\/Nou-edifici-de-serveis-Reial-Club-de-Polo-16.jpg&quot;},{&quot;src&quot;:&quot;https:\\\/\\\/www.garciafaura.com\\\/wp-content\\\/uploads\\\/2023\\\/08\\\/Nou-edifici-de-serveis-Reial-Club-de-Polo-20.jpg&quot;},{&quot;src&quot;:&quot;https:\\\/\\\/www.garciafaura.com\\\/wp-content\\\/uploads\\\/2023\\\/08\\\/Nou-edifici-de-serveis-Reial-Club-de-Polo-50.jpg&quot;},{&quot;src&quot;:&quot;https:\\\/\\\/www.garciafaura.com\\\/wp-content\\\/uploads\\\/2023\\\/08\\\/Nou-edifici-de-serveis-Reial-Club-de-Polo-49.jpg&quot;},{&quot;src&quot;:&quot;https:\\\/\\\/www.garciafaura.com\\\/wp-content\\\/uploads\\\/2023\\\/08\\\/Nou-edifici-de-serveis-Reial-Club-de-Polo-11.jpg&quot;},{&quot;src&quot;:&quot;https:\\\/\\\/www.garciafaura.com\\\/wp-content\\\/uploads\\\/2023\\\/08\\\/Nou-edifici-de-serveis-Reial-Club-de-Polo-48.jpg&quot;},{&quot;src&quot;:&quot;https:\\\/\\\/www.garciafaura.com\\\/wp-content\\\/uploads\\\/2023\\\/08\\\/Nou-edifici-de-serveis-Reial-Club-de-Polo-47.jpg&quot;},{&quot;src&quot;:&quot;https:\\\/\\\/www.garciafaura.com\\\/wp-content\\\/uploads\\\/2023\\\/08\\\/Nou-edifici-de-serveis-Reial-Club-de-Polo-46.jpg&quot;},{&quot;src&quot;:&quot;https:\\\/\\\/www.garciafaura.com\\\/wp-content\\\/uploads\\\/2023\\\/08\\\/Nou-edifici-de-serveis-Reial-Club-de-Polo-45.jpg&quot;},{&quot;src&quot;:&quot;https:\\\/\\\/www.garciafaura.com\\\/wp-content\\\/uploads\\\/2023\\\/08\\\/Nou-edifici-de-serveis-Reial-Club-de-Polo-43.jpg&quot;},{&quot;src&quot;:&quot;https:\\\/\\\/www.garciafaura.com\\\/wp-content\\\/uploads\\\/2023\\\/08\\\/Nou-edifici-de-serveis-Reial-Club-de-Polo-42.jpg&quot;},{&quot;src&quot;:&quot;https:\\\/\\\/www.garciafaura.com\\\/wp-content\\\/uploads\\\/2023\\\/08\\\/Nou-edifici-de-serveis-Reial-Club-de-Polo-41.jpg&quot;},{&quot;src&quot;:&quot;https:\\\/\\\/www.garciafaura.com\\\/wp-content\\\/uploads\\\/2023\\\/08\\\/Nou-edifici-de-serveis-Reial-Club-de-Polo-40.jpg&quot;},{&quot;src&quot;:&quot;https:\\\/\\\/www.garciafaura.com\\\/wp-content\\\/uploads\\\/2023\\\/08\\\/Nou-edifici-de-serveis-Reial-Club-de-Polo-21.jpg&quot;},{&quot;src&quot;:&quot;https:\\\/\\\/www.garciafaura.com\\\/wp-content\\\/uploads\\\/2023\\\/08\\\/Nou-edifici-de-serveis-Reial-Club-de-Polo-19.jpg&quot;},{&quot;src&quot;:&quot;https:\\\/\\\/www.garciafaura.com\\\/wp-content\\\/uploads\\\/2023\\\/08\\\/Nou-edifici-de-serveis-Reial-Club-de-Polo-18.jpg&quot;},{&quot;src&quot;:&quot;https:\\\/\\\/www.garciafaura.com\\\/wp-content\\\/uploads\\\/2023\\\/08\\\/Nou-edifici-de-serveis-Reial-Club-de-Polo-39.jpg&quot;},{&quot;src&quot;:&quot;https:\\\/\\\/www.garciafaura.com\\\/wp-content\\\/uploads\\\/2023\\\/08\\\/Nou-edifici-de-serveis-Reial-Club-de-Polo-38.jpg&quot;},{&quot;src&quot;:&quot;https:\\\/\\\/www.garciafaura.com\\\/wp-content\\\/uploads\\\/2023\\\/08\\\/Nou-edifici-de-serveis-Reial-Club-de-Polo-34.jpg&quot;},{&quot;src&quot;:&quot;https:\\\/\\\/www.garciafaura.com\\\/wp-content\\\/uploads\\\/2023\\\/08\\\/Nou-edifici-de-serveis-Reial-Club-de-Polo-33.jpg&quot;},{&quot;src&quot;:&quot;https:\\\/\\\/www.garciafaura.com\\\/wp-content\\\/uploads\\\/2023\\\/08\\\/Nou-edifici-de-serveis-Reial-Club-de-Polo-37.jpg&quot;},{&quot;src&quot;:&quot;https:\\\/\\\/www.garciafaura.com\\\/wp-content\\\/uploads\\\/2023\\\/08\\\/Nou-edifici-de-serveis-Reial-Club-de-Polo-36.jpg&quot;},{&quot;src&quot;:&quot;https:\\\/\\\/www.garciafaura.com\\\/wp-content\\\/uploads\\\/2023\\\/08\\\/Nou-edifici-de-serveis-Reial-Club-de-Polo-32.jpg&quot;},{&quot;src&quot;:&quot;https:\\\/\\\/www.garciafaura.com\\\/wp-content\\\/uploads\\\/2023\\\/08\\\/Nou-edifici-de-serveis-Reial-Club-de-Polo-31.jpg&quot;},{&quot;src&quot;:&quot;https:\\\/\\\/www.garciafaura.com\\\/wp-content\\\/uploads\\\/2023\\\/08\\\/Nou-edifici-de-serveis-Reial-Club-de-Polo-30.jpg&quot;},{&quot;src&quot;:&quot;https:\\\/\\\/www.garciafaura.com\\\/wp-content\\\/uploads\\\/2023\\\/08\\\/Nou-edifici-de-serveis-Reial-Club-de-Polo-29.jpg&quot;},{&quot;src&quot;:&quot;https:\\\/\\\/www.garciafaura.com\\\/wp-content\\\/uploads\\\/2023\\\/08\\\/Nou-edifici-de-serveis-Reial-Club-de-Polo-28.jpg&quot;},{&quot;src&quot;:&quot;https:\\\/\\\/www.garciafaura.com\\\/wp-content\\\/uploads\\\/2023\\\/08\\\/Nou-edifici-de-serveis-Reial-Club-de-Polo-26.jpg&quot;},{&quot;src&quot;:&quot;https:\\\/\\\/www.garciafaura.com\\\/wp-content\\\/uploads\\\/2023\\\/08\\\/Nou-edifici-de-serveis-Reial-Club-de-Polo-25.jpg&quot;},{&quot;src&quot;:&quot;https:\\\/\\\/www.garciafaura.com\\\/wp-content\\\/uploads\\\/2023\\\/08\\\/Nou-edifici-de-serveis-Reial-Club-de-Polo-17.jpg&quot;},{&quot;src&quot;:&quot;https:\\\/\\\/www.garciafaura.com\\\/wp-content\\\/uploads\\\/2023\\\/08\\\/Nou-edifici-de-serveis-Reial-Club-de-Polo-14.jpg&quot;},{&quot;src&quot;:&quot;https:\\\/\\\/www.garciafaura.com\\\/wp-content\\\/uploads\\\/2023\\\/08\\\/Nou-edifici-de-serveis-Reial-Club-de-Polo-13.jpg&quot;},{&quot;src&quot;:&quot;https:\\\/\\\/www.garciafaura.com\\\/wp-content\\\/uploads\\\/2023\\\/08\\\/Nou-edifici-de-serveis-Reial-Club-de-Polo-54.jpg&quot;},{&quot;src&quot;:&quot;https:\\\/\\\/www.garciafaura.com\\\/wp-content\\\/uploads\\\/2023\\\/08\\\/Nou-edifici-de-serveis-Reial-Club-de-Polo-08.jpg&quot;},{&quot;src&quot;:&quot;https:\\\/\\\/www.garciafaura.com\\\/wp-content\\\/uploads\\\/2023\\\/08\\\/Nou-edifici-de-serveis-Reial-Club-de-Polo-07.jpg&quot;},{&quot;src&quot;:&quot;https:\\\/\\\/www.garciafaura.com\\\/wp-content\\\/uploads\\\/2023\\\/08\\\/Nou-edifici-de-serveis-Reial-Club-de-Polo-06.jpg&quot;},{&quot;src&quot;:&quot;https:\\\/\\\/www.garciafaura.com\\\/wp-content\\\/uploads\\\/2023\\\/08\\\/Nou-edifici-de-serveis-Reial-Club-de-Polo-05.jpg&quot;},{&quot;src&quot;:&quot;https:\\\/\\\/www.garciafaura.com\\\/wp-content\\\/uploads\\\/2023\\\/08\\\/Nou-edifici-de-serveis-Reial-Club-de-Polo-04.jpg&quot;},{&quot;src&quot;:&quot;https:\\\/\\\/www.garciafaura.com\\\/wp-content\\\/uploads\\\/2023\\\/08\\\/Nou-edifici-de-serveis-Reial-Club-de-Polo-03.jpg&quot;},{&quot;src&quot;:&quot;https:\\\/\\\/www.garciafaura.com\\\/wp-content\\\/uploads\\\/2023\\\/08\\\/Nou-edifici-de-serveis-Reial-Club-de-Polo-02.jpg&quot;},{&quot;src&quot;:&quot;https:\\\/\\\/www.garciafaura.com\\\/wp-content\\\/uploads\\\/2023\\\/08\\\/Nou-edifici-de-serveis-Reial-Club-de-Polo-44.jpg&quot;},{&quot;src&quot;:&quot;https:\\\/\\\/www.garciafaura.com\\\/wp-content\\\/uploads\\\/2023\\\/08\\\/Nou-edifici-de-serveis-Reial-Club-de-Polo-27.jpg&quot;},{&quot;src&quot;:&quot;https:\\\/\\\/www.garciafaura.com\\\/wp-content\\\/uploads\\\/2023\\\/08\\\/Nou-edifici-de-serveis-Reial-Club-de-Polo-22.jpg&quot;},{&quot;src&quot;:&quot;https:\\\/\\\/www.garciafaura.com\\\/wp-content\\\/uploads\\\/2023\\\/08\\\/Nou-edifici-de-serveis-Reial-Club-de-Polo-01.jpg&quot;}]\"><img loading=\"lazy\" decoding=\"async\" data-no-lazy=\"1\" class=\"portfolio-entry-img skip-lazy\" src=\"https:\/\/www.garciafaura.com\/wp-content\/uploads\/2023\/08\/Nou-edifici-de-serveis-Reial-Club-de-Polo-12-600x314.jpg\" alt='' data-no-retina width=\"600\" height=\"314\" \/><\/a><\/div><div class=\"portfolio-entry-details entry-details wpex-clr\"><h2 class=\"portfolio-entry-title entry-title\"><a href=\"https:\/\/www.garciafaura.com\/fr\/portfolio-item\/nou-edifici-de-serveis-rcp\/\" title=\"Nouveau b\u00e2timent des services du RCP\">Nouveau b\u00e2timent des services du RCP<\/a><\/h2><div class=\"portfolio-entry-categories entry-categories wpex-clr\"><a href=\"https:\/\/www.garciafaura.com\/fr\/portfolio-category\/batiments-de-services\/\" class=\"term-75\">B\u00e2timents de Services<\/a><\/div><\/div><\/div><\/div><div class=\"portfolio-entry vcex-grid-item entry-has-details span_1_of_3 col col-1 vcex-isotope-entry vcex-no-margin-entry post-32337 entry type-portfolio has-media cat-75 cat-90 translation_priority-5\"><div class=\"portfolio-entry-inner entry-inner wpex-clr\"><div class=\"portfolio-entry-media entry-media wpex-clr\"><a href=\"https:\/\/www.garciafaura.com\/wp-content\/uploads\/2023\/07\/Vapor-Cortes-Terrassa-23.jpg\" title=\"R\u00e9habilitation Vapor Cort\u00e8s\" class=\"portfolio-entry-media-link wpex-lightbox-gallery\" data-gallery=\"[{&quot;src&quot;:&quot;https:\\\/\\\/www.garciafaura.com\\\/wp-content\\\/uploads\\\/2023\\\/07\\\/Vapor-Cortes-Terrassa-23.jpg&quot;},{&quot;src&quot;:&quot;https:\\\/\\\/www.garciafaura.com\\\/wp-content\\\/uploads\\\/2023\\\/07\\\/Vapor-Cortes-Terrassa-29-scaled.jpg&quot;},{&quot;src&quot;:&quot;https:\\\/\\\/www.garciafaura.com\\\/wp-content\\\/uploads\\\/2023\\\/07\\\/Vapor-Cortes-Terrassa-28-scaled.jpg&quot;},{&quot;src&quot;:&quot;https:\\\/\\\/www.garciafaura.com\\\/wp-content\\\/uploads\\\/2023\\\/07\\\/Vapor-Cortes-Terrassa-27.jpg&quot;},{&quot;src&quot;:&quot;https:\\\/\\\/www.garciafaura.com\\\/wp-content\\\/uploads\\\/2023\\\/07\\\/Vapor-Cortes-Terrassa-26.jpg&quot;},{&quot;src&quot;:&quot;https:\\\/\\\/www.garciafaura.com\\\/wp-content\\\/uploads\\\/2023\\\/07\\\/Vapor-Cortes-Terrassa-25.jpg&quot;},{&quot;src&quot;:&quot;https:\\\/\\\/www.garciafaura.com\\\/wp-content\\\/uploads\\\/2023\\\/07\\\/Vapor-Cortes-Terrassa-24.jpg&quot;},{&quot;src&quot;:&quot;https:\\\/\\\/www.garciafaura.com\\\/wp-content\\\/uploads\\\/2023\\\/07\\\/Vapor-Cortes-Terrassa-22.jpg&quot;},{&quot;src&quot;:&quot;https:\\\/\\\/www.garciafaura.com\\\/wp-content\\\/uploads\\\/2023\\\/07\\\/Vapor-Cortes-Terrassa-21.jpg&quot;},{&quot;src&quot;:&quot;https:\\\/\\\/www.garciafaura.com\\\/wp-content\\\/uploads\\\/2023\\\/07\\\/Vapor-Cortes-Terrassa-20.jpg&quot;},{&quot;src&quot;:&quot;https:\\\/\\\/www.garciafaura.com\\\/wp-content\\\/uploads\\\/2023\\\/07\\\/Vapor-Cortes-Terrassa-19.jpg&quot;},{&quot;src&quot;:&quot;https:\\\/\\\/www.garciafaura.com\\\/wp-content\\\/uploads\\\/2023\\\/07\\\/Vapor-Cortes-Terrassa-18.jpg&quot;},{&quot;src&quot;:&quot;https:\\\/\\\/www.garciafaura.com\\\/wp-content\\\/uploads\\\/2023\\\/07\\\/Vapor-Cortes-Terrassa-17-scaled.jpg&quot;},{&quot;src&quot;:&quot;https:\\\/\\\/www.garciafaura.com\\\/wp-content\\\/uploads\\\/2023\\\/07\\\/Vapor-Cortes-Terrassa-16-scaled.jpg&quot;},{&quot;src&quot;:&quot;https:\\\/\\\/www.garciafaura.com\\\/wp-content\\\/uploads\\\/2023\\\/07\\\/Vapor-Cortes-Terrassa-15.jpg&quot;},{&quot;src&quot;:&quot;https:\\\/\\\/www.garciafaura.com\\\/wp-content\\\/uploads\\\/2023\\\/07\\\/Vapor-Cortes-Terrassa-14.jpg&quot;},{&quot;src&quot;:&quot;https:\\\/\\\/www.garciafaura.com\\\/wp-content\\\/uploads\\\/2023\\\/07\\\/Vapor-Cortes-Terrassa-13.jpg&quot;},{&quot;src&quot;:&quot;https:\\\/\\\/www.garciafaura.com\\\/wp-content\\\/uploads\\\/2023\\\/07\\\/Vapor-Cortes-Terrassa-12.jpg&quot;},{&quot;src&quot;:&quot;https:\\\/\\\/www.garciafaura.com\\\/wp-content\\\/uploads\\\/2023\\\/07\\\/Vapor-Cortes-Terrassa-11.jpg&quot;},{&quot;src&quot;:&quot;https:\\\/\\\/www.garciafaura.com\\\/wp-content\\\/uploads\\\/2023\\\/07\\\/Vapor-Cortes-Terrassa-10.jpg&quot;},{&quot;src&quot;:&quot;https:\\\/\\\/www.garciafaura.com\\\/wp-content\\\/uploads\\\/2023\\\/07\\\/Vapor-Cortes-Terrassa-9.jpg&quot;},{&quot;src&quot;:&quot;https:\\\/\\\/www.garciafaura.com\\\/wp-content\\\/uploads\\\/2023\\\/07\\\/Vapor-Cortes-Terrassa-8.jpg&quot;},{&quot;src&quot;:&quot;https:\\\/\\\/www.garciafaura.com\\\/wp-content\\\/uploads\\\/2023\\\/07\\\/Vapor-Cortes-Terrassa-7.jpg&quot;},{&quot;src&quot;:&quot;https:\\\/\\\/www.garciafaura.com\\\/wp-content\\\/uploads\\\/2023\\\/07\\\/Vapor-Cortes-Terrassa-6.jpg&quot;},{&quot;src&quot;:&quot;https:\\\/\\\/www.garciafaura.com\\\/wp-content\\\/uploads\\\/2023\\\/07\\\/Vapor-Cortes-Terrassa-5.jpg&quot;},{&quot;src&quot;:&quot;https:\\\/\\\/www.garciafaura.com\\\/wp-content\\\/uploads\\\/2023\\\/07\\\/Vapor-Cortes-Terrassa-4.jpg&quot;},{&quot;src&quot;:&quot;https:\\\/\\\/www.garciafaura.com\\\/wp-content\\\/uploads\\\/2023\\\/07\\\/Vapor-Cortes-Terrassa-3.jpg&quot;},{&quot;src&quot;:&quot;https:\\\/\\\/www.garciafaura.com\\\/wp-content\\\/uploads\\\/2023\\\/07\\\/Vapor-Cortes-Terrassa-2.jpg&quot;},{&quot;src&quot;:&quot;https:\\\/\\\/www.garciafaura.com\\\/wp-content\\\/uploads\\\/2023\\\/07\\\/Vapor-Cortes-Terrassa-1-scaled.jpg&quot;}]\"><img loading=\"lazy\" decoding=\"async\" data-no-lazy=\"1\" class=\"portfolio-entry-img skip-lazy\" src=\"https:\/\/www.garciafaura.com\/wp-content\/uploads\/2023\/07\/Vapor-Cortes-Terrassa-23-600x314.jpg\" alt='' data-no-retina width=\"600\" height=\"314\" \/><\/a><\/div><div class=\"portfolio-entry-details entry-details wpex-clr\"><h2 class=\"portfolio-entry-title entry-title\"><a href=\"https:\/\/www.garciafaura.com\/fr\/portfolio-item\/rehabilitacio-vapor-cortes\/\" title=\"R\u00e9habilitation Vapor Cort\u00e8s\">R\u00e9habilitation Vapor Cort\u00e8s<\/a><\/h2><div class=\"portfolio-entry-categories entry-categories wpex-clr\"><a href=\"https:\/\/www.garciafaura.com\/fr\/portfolio-category\/batiments-de-services\/\" class=\"term-75\">B\u00e2timents de Services<\/a><\/div><\/div><\/div><\/div><div class=\"portfolio-entry vcex-grid-item entry-has-details span_1_of_3 col col-2 vcex-isotope-entry vcex-no-margin-entry post-32267 entry type-portfolio has-media cat-75 cat-92 cat-93 cat-95 translation_priority-5\"><div class=\"portfolio-entry-inner entry-inner wpex-clr\"><div class=\"portfolio-entry-media entry-media wpex-clr\"><a href=\"https:\/\/www.garciafaura.com\/wp-content\/uploads\/2023\/07\/Seu-SEM-Garcia-Faura-23.jpg\" title=\"Nouveau si\u00e8ge du SEM\" class=\"portfolio-entry-media-link wpex-lightbox-gallery\" data-gallery=\"[{&quot;src&quot;:&quot;https:\\\/\\\/www.garciafaura.com\\\/wp-content\\\/uploads\\\/2023\\\/07\\\/Seu-SEM-Garcia-Faura-1.jpg&quot;},{&quot;src&quot;:&quot;https:\\\/\\\/www.garciafaura.com\\\/wp-content\\\/uploads\\\/2023\\\/07\\\/Seu-SEM-Garcia-Faura-58.jpg&quot;},{&quot;src&quot;:&quot;https:\\\/\\\/www.garciafaura.com\\\/wp-content\\\/uploads\\\/2023\\\/07\\\/Seu-SEM-Garcia-Faura-57.jpg&quot;},{&quot;src&quot;:&quot;https:\\\/\\\/www.garciafaura.com\\\/wp-content\\\/uploads\\\/2023\\\/07\\\/Seu-SEM-Garcia-Faura-56.jpg&quot;},{&quot;src&quot;:&quot;https:\\\/\\\/www.garciafaura.com\\\/wp-content\\\/uploads\\\/2023\\\/07\\\/Seu-SEM-Garcia-Faura-55.jpg&quot;},{&quot;src&quot;:&quot;https:\\\/\\\/www.garciafaura.com\\\/wp-content\\\/uploads\\\/2023\\\/07\\\/Seu-SEM-Garcia-Faura-54.jpg&quot;},{&quot;src&quot;:&quot;https:\\\/\\\/www.garciafaura.com\\\/wp-content\\\/uploads\\\/2023\\\/07\\\/Seu-SEM-Garcia-Faura-53.jpg&quot;},{&quot;src&quot;:&quot;https:\\\/\\\/www.garciafaura.com\\\/wp-content\\\/uploads\\\/2023\\\/07\\\/Seu-SEM-Garcia-Faura-52.jpg&quot;},{&quot;src&quot;:&quot;https:\\\/\\\/www.garciafaura.com\\\/wp-content\\\/uploads\\\/2023\\\/07\\\/Seu-SEM-Garcia-Faura-51.jpg&quot;},{&quot;src&quot;:&quot;https:\\\/\\\/www.garciafaura.com\\\/wp-content\\\/uploads\\\/2023\\\/07\\\/Seu-SEM-Garcia-Faura-50.jpg&quot;},{&quot;src&quot;:&quot;https:\\\/\\\/www.garciafaura.com\\\/wp-content\\\/uploads\\\/2023\\\/07\\\/Seu-SEM-Garcia-Faura-49.jpg&quot;},{&quot;src&quot;:&quot;https:\\\/\\\/www.garciafaura.com\\\/wp-content\\\/uploads\\\/2023\\\/07\\\/Seu-SEM-Garcia-Faura-48.jpg&quot;},{&quot;src&quot;:&quot;https:\\\/\\\/www.garciafaura.com\\\/wp-content\\\/uploads\\\/2023\\\/07\\\/Seu-SEM-Garcia-Faura-47.jpg&quot;},{&quot;src&quot;:&quot;https:\\\/\\\/www.garciafaura.com\\\/wp-content\\\/uploads\\\/2023\\\/07\\\/Seu-SEM-Garcia-Faura-46.jpg&quot;},{&quot;src&quot;:&quot;https:\\\/\\\/www.garciafaura.com\\\/wp-content\\\/uploads\\\/2023\\\/07\\\/Seu-SEM-Garcia-Faura-45.jpg&quot;},{&quot;src&quot;:&quot;https:\\\/\\\/www.garciafaura.com\\\/wp-content\\\/uploads\\\/2023\\\/07\\\/Seu-SEM-Garcia-Faura-44.jpg&quot;},{&quot;src&quot;:&quot;https:\\\/\\\/www.garciafaura.com\\\/wp-content\\\/uploads\\\/2023\\\/07\\\/Seu-SEM-Garcia-Faura-43.jpg&quot;},{&quot;src&quot;:&quot;https:\\\/\\\/www.garciafaura.com\\\/wp-content\\\/uploads\\\/2023\\\/07\\\/Seu-SEM-Garcia-Faura-42.jpg&quot;},{&quot;src&quot;:&quot;https:\\\/\\\/www.garciafaura.com\\\/wp-content\\\/uploads\\\/2023\\\/07\\\/Seu-SEM-Garcia-Faura-41.jpg&quot;},{&quot;src&quot;:&quot;https:\\\/\\\/www.garciafaura.com\\\/wp-content\\\/uploads\\\/2023\\\/07\\\/Seu-SEM-Garcia-Faura-40.jpg&quot;},{&quot;src&quot;:&quot;https:\\\/\\\/www.garciafaura.com\\\/wp-content\\\/uploads\\\/2023\\\/07\\\/Seu-SEM-Garcia-Faura-39.jpg&quot;},{&quot;src&quot;:&quot;https:\\\/\\\/www.garciafaura.com\\\/wp-content\\\/uploads\\\/2023\\\/07\\\/Seu-SEM-Garcia-Faura-38.jpg&quot;},{&quot;src&quot;:&quot;https:\\\/\\\/www.garciafaura.com\\\/wp-content\\\/uploads\\\/2023\\\/07\\\/Seu-SEM-Garcia-Faura-37.jpg&quot;},{&quot;src&quot;:&quot;https:\\\/\\\/www.garciafaura.com\\\/wp-content\\\/uploads\\\/2023\\\/07\\\/Seu-SEM-Garcia-Faura-36.jpg&quot;},{&quot;src&quot;:&quot;https:\\\/\\\/www.garciafaura.com\\\/wp-content\\\/uploads\\\/2023\\\/07\\\/Seu-SEM-Garcia-Faura-35.jpg&quot;},{&quot;src&quot;:&quot;https:\\\/\\\/www.garciafaura.com\\\/wp-content\\\/uploads\\\/2023\\\/07\\\/Seu-SEM-Garcia-Faura-34.jpg&quot;},{&quot;src&quot;:&quot;https:\\\/\\\/www.garciafaura.com\\\/wp-content\\\/uploads\\\/2023\\\/07\\\/Seu-SEM-Garcia-Faura-33.jpg&quot;},{&quot;src&quot;:&quot;https:\\\/\\\/www.garciafaura.com\\\/wp-content\\\/uploads\\\/2023\\\/07\\\/Seu-SEM-Garcia-Faura-32.jpg&quot;},{&quot;src&quot;:&quot;https:\\\/\\\/www.garciafaura.com\\\/wp-content\\\/uploads\\\/2023\\\/07\\\/Seu-SEM-Garcia-Faura-31.jpg&quot;},{&quot;src&quot;:&quot;https:\\\/\\\/www.garciafaura.com\\\/wp-content\\\/uploads\\\/2023\\\/07\\\/Seu-SEM-Garcia-Faura-30.jpg&quot;},{&quot;src&quot;:&quot;https:\\\/\\\/www.garciafaura.com\\\/wp-content\\\/uploads\\\/2023\\\/07\\\/Seu-SEM-Garcia-Faura-29.jpg&quot;},{&quot;src&quot;:&quot;https:\\\/\\\/www.garciafaura.com\\\/wp-content\\\/uploads\\\/2023\\\/07\\\/Seu-SEM-Garcia-Faura-28.jpg&quot;},{&quot;src&quot;:&quot;https:\\\/\\\/www.garciafaura.com\\\/wp-content\\\/uploads\\\/2023\\\/07\\\/Seu-SEM-Garcia-Faura-27.jpg&quot;},{&quot;src&quot;:&quot;https:\\\/\\\/www.garciafaura.com\\\/wp-content\\\/uploads\\\/2023\\\/07\\\/Seu-SEM-Garcia-Faura-26.jpg&quot;},{&quot;src&quot;:&quot;https:\\\/\\\/www.garciafaura.com\\\/wp-content\\\/uploads\\\/2023\\\/07\\\/Seu-SEM-Garcia-Faura-25.jpg&quot;},{&quot;src&quot;:&quot;https:\\\/\\\/www.garciafaura.com\\\/wp-content\\\/uploads\\\/2023\\\/07\\\/Seu-SEM-Garcia-Faura-24.jpg&quot;},{&quot;src&quot;:&quot;https:\\\/\\\/www.garciafaura.com\\\/wp-content\\\/uploads\\\/2023\\\/07\\\/Seu-SEM-Garcia-Faura-23.jpg&quot;},{&quot;src&quot;:&quot;https:\\\/\\\/www.garciafaura.com\\\/wp-content\\\/uploads\\\/2023\\\/07\\\/Seu-SEM-Garcia-Faura-22.jpg&quot;},{&quot;src&quot;:&quot;https:\\\/\\\/www.garciafaura.com\\\/wp-content\\\/uploads\\\/2023\\\/07\\\/Seu-SEM-Garcia-Faura-21.jpg&quot;},{&quot;src&quot;:&quot;https:\\\/\\\/www.garciafaura.com\\\/wp-content\\\/uploads\\\/2023\\\/07\\\/Seu-SEM-Garcia-Faura-20.jpg&quot;},{&quot;src&quot;:&quot;https:\\\/\\\/www.garciafaura.com\\\/wp-content\\\/uploads\\\/2023\\\/07\\\/Seu-SEM-Garcia-Faura-19.jpg&quot;},{&quot;src&quot;:&quot;https:\\\/\\\/www.garciafaura.com\\\/wp-content\\\/uploads\\\/2023\\\/07\\\/Seu-SEM-Garcia-Faura-18.jpg&quot;},{&quot;src&quot;:&quot;https:\\\/\\\/www.garciafaura.com\\\/wp-content\\\/uploads\\\/2023\\\/07\\\/Seu-SEM-Garcia-Faura-17.jpg&quot;},{&quot;src&quot;:&quot;https:\\\/\\\/www.garciafaura.com\\\/wp-content\\\/uploads\\\/2023\\\/07\\\/Seu-SEM-Garcia-Faura-16.jpg&quot;},{&quot;src&quot;:&quot;https:\\\/\\\/www.garciafaura.com\\\/wp-content\\\/uploads\\\/2023\\\/07\\\/Seu-SEM-Garcia-Faura-15.jpg&quot;},{&quot;src&quot;:&quot;https:\\\/\\\/www.garciafaura.com\\\/wp-content\\\/uploads\\\/2023\\\/07\\\/Seu-SEM-Garcia-Faura-14.jpg&quot;},{&quot;src&quot;:&quot;https:\\\/\\\/www.garciafaura.com\\\/wp-content\\\/uploads\\\/2023\\\/07\\\/Seu-SEM-Garcia-Faura-13.jpg&quot;},{&quot;src&quot;:&quot;https:\\\/\\\/www.garciafaura.com\\\/wp-content\\\/uploads\\\/2023\\\/07\\\/Seu-SEM-Garcia-Faura-12.jpg&quot;},{&quot;src&quot;:&quot;https:\\\/\\\/www.garciafaura.com\\\/wp-content\\\/uploads\\\/2023\\\/07\\\/Seu-SEM-Garcia-Faura-11.jpg&quot;},{&quot;src&quot;:&quot;https:\\\/\\\/www.garciafaura.com\\\/wp-content\\\/uploads\\\/2023\\\/07\\\/Seu-SEM-Garcia-Faura-10.jpg&quot;},{&quot;src&quot;:&quot;https:\\\/\\\/www.garciafaura.com\\\/wp-content\\\/uploads\\\/2023\\\/07\\\/Seu-SEM-Garcia-Faura-9.jpg&quot;},{&quot;src&quot;:&quot;https:\\\/\\\/www.garciafaura.com\\\/wp-content\\\/uploads\\\/2023\\\/07\\\/Seu-SEM-Garcia-Faura-8.jpg&quot;},{&quot;src&quot;:&quot;https:\\\/\\\/www.garciafaura.com\\\/wp-content\\\/uploads\\\/2023\\\/07\\\/Seu-SEM-Garcia-Faura-7.jpg&quot;},{&quot;src&quot;:&quot;https:\\\/\\\/www.garciafaura.com\\\/wp-content\\\/uploads\\\/2023\\\/07\\\/Seu-SEM-Garcia-Faura-6.jpg&quot;},{&quot;src&quot;:&quot;https:\\\/\\\/www.garciafaura.com\\\/wp-content\\\/uploads\\\/2023\\\/07\\\/Seu-SEM-Garcia-Faura-5.jpg&quot;},{&quot;src&quot;:&quot;https:\\\/\\\/www.garciafaura.com\\\/wp-content\\\/uploads\\\/2023\\\/07\\\/Seu-SEM-Garcia-Faura-4.jpg&quot;},{&quot;src&quot;:&quot;https:\\\/\\\/www.garciafaura.com\\\/wp-content\\\/uploads\\\/2023\\\/07\\\/Seu-SEM-Garcia-Faura-3.jpg&quot;},{&quot;src&quot;:&quot;https:\\\/\\\/www.garciafaura.com\\\/wp-content\\\/uploads\\\/2023\\\/07\\\/Seu-SEM-Garcia-Faura-2.jpg&quot;}]\"><img loading=\"lazy\" decoding=\"async\" data-no-lazy=\"1\" class=\"portfolio-entry-img skip-lazy\" src=\"https:\/\/www.garciafaura.com\/wp-content\/uploads\/2023\/07\/Seu-SEM-Garcia-Faura-23-600x314.jpg\" alt='' data-no-retina width=\"600\" height=\"314\" \/><\/a><\/div><div class=\"portfolio-entry-details entry-details wpex-clr\"><h2 class=\"portfolio-entry-title entry-title\"><a href=\"https:\/\/www.garciafaura.com\/fr\/portfolio-item\/nova-seu-del-servei-demergencies-mediques\/\" title=\"Nouveau si\u00e8ge du SEM\">Nouveau si\u00e8ge du SEM<\/a><\/h2><div class=\"portfolio-entry-categories entry-categories wpex-clr\"><a href=\"https:\/\/www.garciafaura.com\/fr\/portfolio-category\/facades-fr\/\" class=\"term-93\">Fa\u00e7ades<\/a><\/div><\/div><\/div><\/div><div class=\"portfolio-entry vcex-grid-item entry-has-details span_1_of_3 col col-3 vcex-isotope-entry vcex-no-margin-entry post-32153 entry type-portfolio has-media cat-75 cat-93 cat-95 cat-90 cat-101 translation_priority-5\"><div class=\"portfolio-entry-inner entry-inner wpex-clr\"><div class=\"portfolio-entry-media entry-media wpex-clr\"><a href=\"https:\/\/www.garciafaura.com\/wp-content\/uploads\/2023\/06\/Garcia-Faura-Edifici-Novartis-1.jpg\" title=\"R\u00e9novation du b\u00e2timent de Novartis\" class=\"portfolio-entry-media-link wpex-lightbox-gallery\" data-gallery=\"[{&quot;src&quot;:&quot;https:\\\/\\\/www.garciafaura.com\\\/wp-content\\\/uploads\\\/2023\\\/06\\\/Garcia-Faura-Edifici-Novartis-1.jpg&quot;,&quot;title&quot;:&quot;Garcia Faura Edifici Novartis&quot;},{&quot;src&quot;:&quot;https:\\\/\\\/www.garciafaura.com\\\/wp-content\\\/uploads\\\/2023\\\/06\\\/Garcia-Faura-Edifici-Novartis-42.jpg&quot;,&quot;title&quot;:&quot;Garcia Faura Edifici Novartis&quot;},{&quot;src&quot;:&quot;https:\\\/\\\/www.garciafaura.com\\\/wp-content\\\/uploads\\\/2023\\\/06\\\/Garcia-Faura-Edifici-Novartis-41.jpg&quot;,&quot;title&quot;:&quot;Garcia Faura Edifici Novartis&quot;},{&quot;src&quot;:&quot;https:\\\/\\\/www.garciafaura.com\\\/wp-content\\\/uploads\\\/2023\\\/06\\\/Garcia-Faura-Edifici-Novartis-40.jpg&quot;,&quot;title&quot;:&quot;Garcia Faura Edifici Novartis&quot;},{&quot;src&quot;:&quot;https:\\\/\\\/www.garciafaura.com\\\/wp-content\\\/uploads\\\/2023\\\/06\\\/Garcia-Faura-Edifici-Novartis-39.jpg&quot;,&quot;title&quot;:&quot;Garcia Faura Edifici Novartis&quot;},{&quot;src&quot;:&quot;https:\\\/\\\/www.garciafaura.com\\\/wp-content\\\/uploads\\\/2023\\\/06\\\/Garcia-Faura-Edifici-Novartis-38.jpg&quot;,&quot;title&quot;:&quot;Garcia Faura Edifici Novartis&quot;},{&quot;src&quot;:&quot;https:\\\/\\\/www.garciafaura.com\\\/wp-content\\\/uploads\\\/2023\\\/06\\\/Garcia-Faura-Edifici-Novartis-37.jpg&quot;,&quot;title&quot;:&quot;Garcia Faura Edifici Novartis&quot;},{&quot;src&quot;:&quot;https:\\\/\\\/www.garciafaura.com\\\/wp-content\\\/uploads\\\/2023\\\/06\\\/Garcia-Faura-Edifici-Novartis-36.jpg&quot;,&quot;title&quot;:&quot;Garcia Faura Edifici Novartis&quot;},{&quot;src&quot;:&quot;https:\\\/\\\/www.garciafaura.com\\\/wp-content\\\/uploads\\\/2023\\\/06\\\/Garcia-Faura-Edifici-Novartis-35.jpg&quot;,&quot;title&quot;:&quot;Garcia Faura Edifici Novartis&quot;},{&quot;src&quot;:&quot;https:\\\/\\\/www.garciafaura.com\\\/wp-content\\\/uploads\\\/2023\\\/06\\\/Garcia-Faura-Edifici-Novartis-34.jpg&quot;,&quot;title&quot;:&quot;Garcia Faura Edifici Novartis&quot;},{&quot;src&quot;:&quot;https:\\\/\\\/www.garciafaura.com\\\/wp-content\\\/uploads\\\/2023\\\/06\\\/Garcia-Faura-Edifici-Novartis-33.jpg&quot;,&quot;title&quot;:&quot;Garcia Faura Edifici Novartis&quot;},{&quot;src&quot;:&quot;https:\\\/\\\/www.garciafaura.com\\\/wp-content\\\/uploads\\\/2023\\\/06\\\/Garcia-Faura-Edifici-Novartis-32.jpg&quot;,&quot;title&quot;:&quot;Garcia Faura Edifici Novartis&quot;},{&quot;src&quot;:&quot;https:\\\/\\\/www.garciafaura.com\\\/wp-content\\\/uploads\\\/2023\\\/06\\\/Garcia-Faura-Edifici-Novartis-31.jpg&quot;,&quot;title&quot;:&quot;Garcia Faura Edifici Novartis&quot;},{&quot;src&quot;:&quot;https:\\\/\\\/www.garciafaura.com\\\/wp-content\\\/uploads\\\/2023\\\/06\\\/Garcia-Faura-Edifici-Novartis-30.jpg&quot;,&quot;title&quot;:&quot;Garcia Faura Edifici Novartis&quot;},{&quot;src&quot;:&quot;https:\\\/\\\/www.garciafaura.com\\\/wp-content\\\/uploads\\\/2023\\\/06\\\/Garcia-Faura-Edifici-Novartis-29.jpg&quot;,&quot;title&quot;:&quot;Garcia Faura Edifici Novartis&quot;},{&quot;src&quot;:&quot;https:\\\/\\\/www.garciafaura.com\\\/wp-content\\\/uploads\\\/2023\\\/06\\\/Garcia-Faura-Edifici-Novartis-28.jpg&quot;,&quot;title&quot;:&quot;Garcia Faura Edifici Novartis&quot;},{&quot;src&quot;:&quot;https:\\\/\\\/www.garciafaura.com\\\/wp-content\\\/uploads\\\/2023\\\/06\\\/Garcia-Faura-Edifici-Novartis-27.jpg&quot;,&quot;title&quot;:&quot;Garcia Faura Edifici Novartis&quot;},{&quot;src&quot;:&quot;https:\\\/\\\/www.garciafaura.com\\\/wp-content\\\/uploads\\\/2023\\\/06\\\/Garcia-Faura-Edifici-Novartis-26.jpg&quot;,&quot;title&quot;:&quot;Garcia Faura Edifici Novartis&quot;},{&quot;src&quot;:&quot;https:\\\/\\\/www.garciafaura.com\\\/wp-content\\\/uploads\\\/2023\\\/06\\\/Garcia-Faura-Edifici-Novartis-25.jpg&quot;,&quot;title&quot;:&quot;Garcia Faura Edifici Novartis&quot;},{&quot;src&quot;:&quot;https:\\\/\\\/www.garciafaura.com\\\/wp-content\\\/uploads\\\/2023\\\/06\\\/Garcia-Faura-Edifici-Novartis-24.jpg&quot;,&quot;title&quot;:&quot;Garcia Faura Edifici Novartis&quot;},{&quot;src&quot;:&quot;https:\\\/\\\/www.garciafaura.com\\\/wp-content\\\/uploads\\\/2023\\\/06\\\/Garcia-Faura-Edifici-Novartis-23.jpg&quot;,&quot;title&quot;:&quot;Garcia Faura Edifici Novartis&quot;},{&quot;src&quot;:&quot;https:\\\/\\\/www.garciafaura.com\\\/wp-content\\\/uploads\\\/2023\\\/06\\\/Garcia-Faura-Edifici-Novartis-22.jpg&quot;,&quot;title&quot;:&quot;Garcia Faura Edifici Novartis&quot;},{&quot;src&quot;:&quot;https:\\\/\\\/www.garciafaura.com\\\/wp-content\\\/uploads\\\/2023\\\/06\\\/Garcia-Faura-Edifici-Novartis-21.jpg&quot;,&quot;title&quot;:&quot;Garcia Faura Edifici Novartis&quot;},{&quot;src&quot;:&quot;https:\\\/\\\/www.garciafaura.com\\\/wp-content\\\/uploads\\\/2023\\\/06\\\/Garcia-Faura-Edifici-Novartis-20.jpg&quot;,&quot;title&quot;:&quot;Garcia Faura Edifici Novartis&quot;},{&quot;src&quot;:&quot;https:\\\/\\\/www.garciafaura.com\\\/wp-content\\\/uploads\\\/2023\\\/06\\\/Garcia-Faura-Edifici-Novartis-19.jpg&quot;,&quot;title&quot;:&quot;Garcia Faura Edifici Novartis&quot;},{&quot;src&quot;:&quot;https:\\\/\\\/www.garciafaura.com\\\/wp-content\\\/uploads\\\/2023\\\/06\\\/Garcia-Faura-Edifici-Novartis-18.jpg&quot;,&quot;title&quot;:&quot;Garcia Faura Edifici Novartis&quot;},{&quot;src&quot;:&quot;https:\\\/\\\/www.garciafaura.com\\\/wp-content\\\/uploads\\\/2023\\\/06\\\/Garcia-Faura-Edifici-Novartis-17.jpg&quot;,&quot;title&quot;:&quot;Garcia Faura Edifici Novartis&quot;},{&quot;src&quot;:&quot;https:\\\/\\\/www.garciafaura.com\\\/wp-content\\\/uploads\\\/2023\\\/06\\\/Garcia-Faura-Edifici-Novartis-16.jpg&quot;,&quot;title&quot;:&quot;Garcia Faura Edifici Novartis&quot;},{&quot;src&quot;:&quot;https:\\\/\\\/www.garciafaura.com\\\/wp-content\\\/uploads\\\/2023\\\/06\\\/Garcia-Faura-Edifici-Novartis-15.jpg&quot;,&quot;title&quot;:&quot;Garcia Faura Edifici Novartis&quot;},{&quot;src&quot;:&quot;https:\\\/\\\/www.garciafaura.com\\\/wp-content\\\/uploads\\\/2023\\\/06\\\/Garcia-Faura-Edifici-Novartis-14.jpg&quot;,&quot;title&quot;:&quot;Garcia Faura Edifici Novartis&quot;},{&quot;src&quot;:&quot;https:\\\/\\\/www.garciafaura.com\\\/wp-content\\\/uploads\\\/2023\\\/06\\\/Garcia-Faura-Edifici-Novartis-13.jpg&quot;,&quot;title&quot;:&quot;Garcia Faura Edifici Novartis&quot;},{&quot;src&quot;:&quot;https:\\\/\\\/www.garciafaura.com\\\/wp-content\\\/uploads\\\/2023\\\/06\\\/Garcia-Faura-Edifici-Novartis-12.jpg&quot;,&quot;title&quot;:&quot;Garcia Faura Edifici Novartis&quot;},{&quot;src&quot;:&quot;https:\\\/\\\/www.garciafaura.com\\\/wp-content\\\/uploads\\\/2023\\\/06\\\/Garcia-Faura-Edifici-Novartis-11.jpg&quot;,&quot;title&quot;:&quot;Garcia Faura Edifici Novartis&quot;},{&quot;src&quot;:&quot;https:\\\/\\\/www.garciafaura.com\\\/wp-content\\\/uploads\\\/2023\\\/06\\\/Garcia-Faura-Edifici-Novartis-10.jpg&quot;,&quot;title&quot;:&quot;Garcia Faura Edifici Novartis&quot;},{&quot;src&quot;:&quot;https:\\\/\\\/www.garciafaura.com\\\/wp-content\\\/uploads\\\/2023\\\/06\\\/Garcia-Faura-Edifici-Novartis-9.jpg&quot;,&quot;title&quot;:&quot;Garcia Faura Edifici Novartis&quot;},{&quot;src&quot;:&quot;https:\\\/\\\/www.garciafaura.com\\\/wp-content\\\/uploads\\\/2023\\\/06\\\/Garcia-Faura-Edifici-Novartis-8.jpg&quot;,&quot;title&quot;:&quot;Garcia Faura Edifici Novartis&quot;},{&quot;src&quot;:&quot;https:\\\/\\\/www.garciafaura.com\\\/wp-content\\\/uploads\\\/2023\\\/06\\\/Garcia-Faura-Edifici-Novartis-7.jpg&quot;,&quot;title&quot;:&quot;Garcia Faura Edifici Novartis&quot;},{&quot;src&quot;:&quot;https:\\\/\\\/www.garciafaura.com\\\/wp-content\\\/uploads\\\/2023\\\/06\\\/Garcia-Faura-Edifici-Novartis-6.jpg&quot;,&quot;title&quot;:&quot;Garcia Faura Edifici Novartis&quot;},{&quot;src&quot;:&quot;https:\\\/\\\/www.garciafaura.com\\\/wp-content\\\/uploads\\\/2023\\\/06\\\/Garcia-Faura-Edifici-Novartis-5.jpg&quot;,&quot;title&quot;:&quot;Garcia Faura Edifici Novartis&quot;},{&quot;src&quot;:&quot;https:\\\/\\\/www.garciafaura.com\\\/wp-content\\\/uploads\\\/2023\\\/06\\\/Garcia-Faura-Edifici-Novartis-4.jpg&quot;,&quot;title&quot;:&quot;Garcia Faura Edifici Novartis&quot;},{&quot;src&quot;:&quot;https:\\\/\\\/www.garciafaura.com\\\/wp-content\\\/uploads\\\/2023\\\/06\\\/Garcia-Faura-Edifici-Novartis-3.jpg&quot;,&quot;title&quot;:&quot;Garcia Faura Edifici Novartis&quot;},{&quot;src&quot;:&quot;https:\\\/\\\/www.garciafaura.com\\\/wp-content\\\/uploads\\\/2023\\\/06\\\/Garcia-Faura-Edifici-Novartis-2.jpg&quot;,&quot;title&quot;:&quot;Garcia Faura Edifici Novartis&quot;}]\"><img loading=\"lazy\" decoding=\"async\" data-no-lazy=\"1\" class=\"portfolio-entry-img skip-lazy\" src=\"https:\/\/www.garciafaura.com\/wp-content\/uploads\/2023\/06\/Garcia-Faura-Edifici-Novartis-1-600x314.jpg\" alt=\"Garcia Faura Edifici Novartis\" data-no-retina width=\"600\" height=\"314\" \/><\/a><\/div><div class=\"portfolio-entry-details entry-details wpex-clr\"><h2 class=\"portfolio-entry-title entry-title\"><a href=\"https:\/\/www.garciafaura.com\/fr\/portfolio-item\/rehabilitacio-edifici-novartis-gran-via\/\" title=\"R\u00e9novation du b\u00e2timent de Novartis\">R\u00e9novation du b\u00e2timent de Novartis<\/a><\/h2><div class=\"portfolio-entry-categories entry-categories wpex-clr\"><a href=\"https:\/\/www.garciafaura.com\/fr\/portfolio-category\/facades-remarquables\/\" class=\"term-95\">Fa\u00e7ades Remarquables<\/a><\/div><\/div><\/div><\/div><div class=\"portfolio-entry vcex-grid-item entry-has-details span_1_of_3 col col-1 vcex-isotope-entry vcex-no-margin-entry post-32134 entry type-portfolio has-media cat-75 cat-90 translation_priority-5\"><div class=\"portfolio-entry-inner entry-inner wpex-clr\"><div class=\"portfolio-entry-media entry-media wpex-clr\"><a href=\"https:\/\/www.garciafaura.com\/wp-content\/uploads\/2023\/06\/Dic-recer-Port-Barcelona-00.jpg\" title=\"R\u00e9habilitation dique du port olympique\" class=\"portfolio-entry-media-link wpex-lightbox-gallery\" data-gallery=\"[{&quot;src&quot;:&quot;https:\\\/\\\/www.garciafaura.com\\\/wp-content\\\/uploads\\\/2023\\\/06\\\/Dic-recer-Port-Barcelona-00.jpg&quot;},{&quot;src&quot;:&quot;https:\\\/\\\/www.garciafaura.com\\\/wp-content\\\/uploads\\\/2023\\\/06\\\/Dic-recer-Port-Barcelona-43.jpg&quot;},{&quot;src&quot;:&quot;https:\\\/\\\/www.garciafaura.com\\\/wp-content\\\/uploads\\\/2023\\\/06\\\/Dic-recer-Port-Barcelona-42.jpg&quot;},{&quot;src&quot;:&quot;https:\\\/\\\/www.garciafaura.com\\\/wp-content\\\/uploads\\\/2023\\\/06\\\/Dic-recer-Port-Barcelona-41.jpg&quot;},{&quot;src&quot;:&quot;https:\\\/\\\/www.garciafaura.com\\\/wp-content\\\/uploads\\\/2023\\\/06\\\/Dic-recer-Port-Barcelona-40.jpg&quot;},{&quot;src&quot;:&quot;https:\\\/\\\/www.garciafaura.com\\\/wp-content\\\/uploads\\\/2023\\\/06\\\/Dic-recer-Port-Barcelona-39.jpg&quot;},{&quot;src&quot;:&quot;https:\\\/\\\/www.garciafaura.com\\\/wp-content\\\/uploads\\\/2023\\\/06\\\/Dic-recer-Port-Barcelona-38.jpg&quot;},{&quot;src&quot;:&quot;https:\\\/\\\/www.garciafaura.com\\\/wp-content\\\/uploads\\\/2023\\\/06\\\/Dic-recer-Port-Barcelona-37.jpg&quot;},{&quot;src&quot;:&quot;https:\\\/\\\/www.garciafaura.com\\\/wp-content\\\/uploads\\\/2023\\\/06\\\/Dic-recer-Port-Barcelona-36.jpg&quot;},{&quot;src&quot;:&quot;https:\\\/\\\/www.garciafaura.com\\\/wp-content\\\/uploads\\\/2023\\\/06\\\/Dic-recer-Port-Barcelona-35.jpg&quot;},{&quot;src&quot;:&quot;https:\\\/\\\/www.garciafaura.com\\\/wp-content\\\/uploads\\\/2023\\\/06\\\/Dic-recer-Port-Barcelona-34.jpg&quot;},{&quot;src&quot;:&quot;https:\\\/\\\/www.garciafaura.com\\\/wp-content\\\/uploads\\\/2023\\\/06\\\/Dic-recer-Port-Barcelona-33.jpg&quot;},{&quot;src&quot;:&quot;https:\\\/\\\/www.garciafaura.com\\\/wp-content\\\/uploads\\\/2023\\\/06\\\/Dic-recer-Port-Barcelona-32.jpg&quot;},{&quot;src&quot;:&quot;https:\\\/\\\/www.garciafaura.com\\\/wp-content\\\/uploads\\\/2023\\\/06\\\/Dic-recer-Port-Barcelona-31.jpg&quot;},{&quot;src&quot;:&quot;https:\\\/\\\/www.garciafaura.com\\\/wp-content\\\/uploads\\\/2023\\\/06\\\/Dic-recer-Port-Barcelona-30.jpg&quot;},{&quot;src&quot;:&quot;https:\\\/\\\/www.garciafaura.com\\\/wp-content\\\/uploads\\\/2023\\\/06\\\/Dic-recer-Port-Barcelona-29.jpg&quot;},{&quot;src&quot;:&quot;https:\\\/\\\/www.garciafaura.com\\\/wp-content\\\/uploads\\\/2023\\\/06\\\/Dic-recer-Port-Barcelona-28.jpg&quot;},{&quot;src&quot;:&quot;https:\\\/\\\/www.garciafaura.com\\\/wp-content\\\/uploads\\\/2023\\\/06\\\/Dic-recer-Port-Barcelona-27.jpg&quot;},{&quot;src&quot;:&quot;https:\\\/\\\/www.garciafaura.com\\\/wp-content\\\/uploads\\\/2023\\\/06\\\/Dic-recer-Port-Barcelona-26.jpg&quot;},{&quot;src&quot;:&quot;https:\\\/\\\/www.garciafaura.com\\\/wp-content\\\/uploads\\\/2023\\\/06\\\/Dic-recer-Port-Barcelona-25.jpg&quot;},{&quot;src&quot;:&quot;https:\\\/\\\/www.garciafaura.com\\\/wp-content\\\/uploads\\\/2023\\\/06\\\/Dic-recer-Port-Barcelona-24.jpg&quot;},{&quot;src&quot;:&quot;https:\\\/\\\/www.garciafaura.com\\\/wp-content\\\/uploads\\\/2023\\\/06\\\/Dic-recer-Port-Barcelona-23.jpg&quot;},{&quot;src&quot;:&quot;https:\\\/\\\/www.garciafaura.com\\\/wp-content\\\/uploads\\\/2023\\\/06\\\/Dic-recer-Port-Barcelona-22.jpg&quot;},{&quot;src&quot;:&quot;https:\\\/\\\/www.garciafaura.com\\\/wp-content\\\/uploads\\\/2023\\\/06\\\/Dic-recer-Port-Barcelona-21.jpg&quot;},{&quot;src&quot;:&quot;https:\\\/\\\/www.garciafaura.com\\\/wp-content\\\/uploads\\\/2023\\\/06\\\/Dic-recer-Port-Barcelona-20.jpg&quot;},{&quot;src&quot;:&quot;https:\\\/\\\/www.garciafaura.com\\\/wp-content\\\/uploads\\\/2023\\\/06\\\/Dic-recer-Port-Barcelona-19.jpg&quot;},{&quot;src&quot;:&quot;https:\\\/\\\/www.garciafaura.com\\\/wp-content\\\/uploads\\\/2023\\\/06\\\/Dic-recer-Port-Barcelona-18.jpg&quot;},{&quot;src&quot;:&quot;https:\\\/\\\/www.garciafaura.com\\\/wp-content\\\/uploads\\\/2023\\\/06\\\/Dic-recer-Port-Barcelona-17.jpg&quot;},{&quot;src&quot;:&quot;https:\\\/\\\/www.garciafaura.com\\\/wp-content\\\/uploads\\\/2023\\\/06\\\/Dic-recer-Port-Barcelona-16.jpg&quot;},{&quot;src&quot;:&quot;https:\\\/\\\/www.garciafaura.com\\\/wp-content\\\/uploads\\\/2023\\\/06\\\/Dic-recer-Port-Barcelona-15.jpg&quot;},{&quot;src&quot;:&quot;https:\\\/\\\/www.garciafaura.com\\\/wp-content\\\/uploads\\\/2023\\\/06\\\/Dic-recer-Port-Barcelona-14.jpg&quot;},{&quot;src&quot;:&quot;https:\\\/\\\/www.garciafaura.com\\\/wp-content\\\/uploads\\\/2023\\\/06\\\/Dic-recer-Port-Barcelona-13.jpg&quot;},{&quot;src&quot;:&quot;https:\\\/\\\/www.garciafaura.com\\\/wp-content\\\/uploads\\\/2023\\\/06\\\/Dic-recer-Port-Barcelona-11.jpg&quot;},{&quot;src&quot;:&quot;https:\\\/\\\/www.garciafaura.com\\\/wp-content\\\/uploads\\\/2023\\\/06\\\/Dic-recer-Port-Barcelona-10.jpg&quot;},{&quot;src&quot;:&quot;https:\\\/\\\/www.garciafaura.com\\\/wp-content\\\/uploads\\\/2023\\\/06\\\/Dic-recer-Port-Barcelona-09.jpg&quot;},{&quot;src&quot;:&quot;https:\\\/\\\/www.garciafaura.com\\\/wp-content\\\/uploads\\\/2023\\\/06\\\/Dic-recer-Port-Barcelona-08.jpg&quot;},{&quot;src&quot;:&quot;https:\\\/\\\/www.garciafaura.com\\\/wp-content\\\/uploads\\\/2023\\\/06\\\/Dic-recer-Port-Barcelona-07.jpg&quot;},{&quot;src&quot;:&quot;https:\\\/\\\/www.garciafaura.com\\\/wp-content\\\/uploads\\\/2023\\\/06\\\/Dic-recer-Port-Barcelona-06.jpg&quot;},{&quot;src&quot;:&quot;https:\\\/\\\/www.garciafaura.com\\\/wp-content\\\/uploads\\\/2023\\\/06\\\/Dic-recer-Port-Barcelona-05.jpg&quot;},{&quot;src&quot;:&quot;https:\\\/\\\/www.garciafaura.com\\\/wp-content\\\/uploads\\\/2023\\\/06\\\/Dic-recer-Port-Barcelona-04.jpg&quot;},{&quot;src&quot;:&quot;https:\\\/\\\/www.garciafaura.com\\\/wp-content\\\/uploads\\\/2023\\\/06\\\/Dic-recer-Port-Barcelona-03.jpg&quot;},{&quot;src&quot;:&quot;https:\\\/\\\/www.garciafaura.com\\\/wp-content\\\/uploads\\\/2023\\\/06\\\/Dic-recer-Port-Barcelona-02.jpg&quot;},{&quot;src&quot;:&quot;https:\\\/\\\/www.garciafaura.com\\\/wp-content\\\/uploads\\\/2023\\\/06\\\/Dic-recer-Port-Barcelona-01.jpg&quot;}]\"><img loading=\"lazy\" decoding=\"async\" data-no-lazy=\"1\" class=\"portfolio-entry-img skip-lazy\" src=\"https:\/\/www.garciafaura.com\/wp-content\/uploads\/2023\/06\/Dic-recer-Port-Barcelona-00-600x314.jpg\" alt='' data-no-retina width=\"600\" height=\"314\" \/><\/a><\/div><div class=\"portfolio-entry-details entry-details wpex-clr\"><h2 class=\"portfolio-entry-title entry-title\"><a href=\"https:\/\/www.garciafaura.com\/fr\/portfolio-item\/rehabilitacio-del-dic-de-recer-del-port-olimpic-de-barcelona\/\" title=\"R\u00e9habilitation dique du port olympique\">R\u00e9habilitation dique du port olympique<\/a><\/h2><div class=\"portfolio-entry-categories entry-categories wpex-clr\"><a href=\"https:\/\/www.garciafaura.com\/fr\/portfolio-category\/batiments-de-services\/\" class=\"term-75\">B\u00e2timents de Services<\/a><\/div><\/div><\/div><\/div><div class=\"portfolio-entry vcex-grid-item entry-has-details span_1_of_3 col col-2 vcex-isotope-entry vcex-no-margin-entry post-31963 entry type-portfolio has-media cat-69 cat-75 translation_priority-5\"><div class=\"portfolio-entry-inner entry-inner wpex-clr\"><div class=\"portfolio-entry-media entry-media wpex-clr\"><a href=\"https:\/\/www.garciafaura.com\/wp-content\/uploads\/2023\/04\/Oficines-i-Residencia-Llacuna-01.jpg\" title=\"Maison de retraite Llacuna 28\" class=\"portfolio-entry-media-link wpex-lightbox-gallery\" data-gallery=\"[{&quot;src&quot;:&quot;https:\\\/\\\/www.garciafaura.com\\\/wp-content\\\/uploads\\\/2023\\\/04\\\/Oficines-i-Residencia-Llacuna-01.jpg&quot;},{&quot;src&quot;:&quot;https:\\\/\\\/www.garciafaura.com\\\/wp-content\\\/uploads\\\/2023\\\/04\\\/Oficines-i-Residencia-Llacuna-27.jpg&quot;},{&quot;src&quot;:&quot;https:\\\/\\\/www.garciafaura.com\\\/wp-content\\\/uploads\\\/2023\\\/04\\\/Oficines-i-Residencia-Llacuna-26.jpg&quot;},{&quot;src&quot;:&quot;https:\\\/\\\/www.garciafaura.com\\\/wp-content\\\/uploads\\\/2023\\\/04\\\/Oficines-i-Residencia-Llacuna-25.jpg&quot;},{&quot;src&quot;:&quot;https:\\\/\\\/www.garciafaura.com\\\/wp-content\\\/uploads\\\/2023\\\/04\\\/Oficines-i-Residencia-Llacuna-24.jpg&quot;},{&quot;src&quot;:&quot;https:\\\/\\\/www.garciafaura.com\\\/wp-content\\\/uploads\\\/2023\\\/04\\\/Oficines-i-Residencia-Llacuna-23.jpg&quot;},{&quot;src&quot;:&quot;https:\\\/\\\/www.garciafaura.com\\\/wp-content\\\/uploads\\\/2023\\\/04\\\/Oficines-i-Residencia-Llacuna-22.jpg&quot;},{&quot;src&quot;:&quot;https:\\\/\\\/www.garciafaura.com\\\/wp-content\\\/uploads\\\/2023\\\/04\\\/Oficines-i-Residencia-Llacuna-21.jpg&quot;},{&quot;src&quot;:&quot;https:\\\/\\\/www.garciafaura.com\\\/wp-content\\\/uploads\\\/2023\\\/04\\\/Oficines-i-Residencia-Llacuna-20.jpg&quot;},{&quot;src&quot;:&quot;https:\\\/\\\/www.garciafaura.com\\\/wp-content\\\/uploads\\\/2023\\\/04\\\/Oficines-i-Residencia-Llacuna-19.jpg&quot;},{&quot;src&quot;:&quot;https:\\\/\\\/www.garciafaura.com\\\/wp-content\\\/uploads\\\/2023\\\/04\\\/Oficines-i-Residencia-Llacuna-18.jpg&quot;},{&quot;src&quot;:&quot;https:\\\/\\\/www.garciafaura.com\\\/wp-content\\\/uploads\\\/2023\\\/04\\\/Oficines-i-Residencia-Llacuna-17.jpg&quot;},{&quot;src&quot;:&quot;https:\\\/\\\/www.garciafaura.com\\\/wp-content\\\/uploads\\\/2023\\\/04\\\/Oficines-i-Residencia-Llacuna-16.jpg&quot;},{&quot;src&quot;:&quot;https:\\\/\\\/www.garciafaura.com\\\/wp-content\\\/uploads\\\/2023\\\/04\\\/Oficines-i-Residencia-Llacuna-15.jpg&quot;},{&quot;src&quot;:&quot;https:\\\/\\\/www.garciafaura.com\\\/wp-content\\\/uploads\\\/2023\\\/04\\\/Oficines-i-Residencia-Llacuna-14.jpg&quot;},{&quot;src&quot;:&quot;https:\\\/\\\/www.garciafaura.com\\\/wp-content\\\/uploads\\\/2023\\\/04\\\/Oficines-i-Residencia-Llacuna-13.jpg&quot;},{&quot;src&quot;:&quot;https:\\\/\\\/www.garciafaura.com\\\/wp-content\\\/uploads\\\/2023\\\/04\\\/Oficines-i-Residencia-Llacuna-12.jpg&quot;},{&quot;src&quot;:&quot;https:\\\/\\\/www.garciafaura.com\\\/wp-content\\\/uploads\\\/2023\\\/04\\\/Oficines-i-Residencia-Llacuna-11.jpg&quot;},{&quot;src&quot;:&quot;https:\\\/\\\/www.garciafaura.com\\\/wp-content\\\/uploads\\\/2023\\\/04\\\/Oficines-i-Residencia-Llacuna-10.jpg&quot;},{&quot;src&quot;:&quot;https:\\\/\\\/www.garciafaura.com\\\/wp-content\\\/uploads\\\/2023\\\/04\\\/Oficines-i-Residencia-Llacuna-09.jpg&quot;},{&quot;src&quot;:&quot;https:\\\/\\\/www.garciafaura.com\\\/wp-content\\\/uploads\\\/2023\\\/04\\\/Oficines-i-Residencia-Llacuna-08.jpg&quot;},{&quot;src&quot;:&quot;https:\\\/\\\/www.garciafaura.com\\\/wp-content\\\/uploads\\\/2023\\\/04\\\/Oficines-i-Residencia-Llacuna-07.jpg&quot;},{&quot;src&quot;:&quot;https:\\\/\\\/www.garciafaura.com\\\/wp-content\\\/uploads\\\/2023\\\/04\\\/Oficines-i-Residencia-Llacuna-06.jpg&quot;},{&quot;src&quot;:&quot;https:\\\/\\\/www.garciafaura.com\\\/wp-content\\\/uploads\\\/2023\\\/04\\\/Oficines-i-Residencia-Llacuna-05.jpg&quot;},{&quot;src&quot;:&quot;https:\\\/\\\/www.garciafaura.com\\\/wp-content\\\/uploads\\\/2023\\\/04\\\/Oficines-i-Residencia-Llacuna-04.jpg&quot;},{&quot;src&quot;:&quot;https:\\\/\\\/www.garciafaura.com\\\/wp-content\\\/uploads\\\/2023\\\/04\\\/Oficines-i-Residencia-Llacuna-03.jpg&quot;},{&quot;src&quot;:&quot;https:\\\/\\\/www.garciafaura.com\\\/wp-content\\\/uploads\\\/2023\\\/04\\\/Oficines-i-Residencia-Llacuna-02.jpg&quot;}]\"><img loading=\"lazy\" decoding=\"async\" data-no-lazy=\"1\" class=\"portfolio-entry-img skip-lazy\" src=\"https:\/\/www.garciafaura.com\/wp-content\/uploads\/2023\/04\/Oficines-i-Residencia-Llacuna-01-600x314.jpg\" alt='' data-no-retina width=\"600\" height=\"314\" \/><\/a><\/div><div class=\"portfolio-entry-details entry-details wpex-clr\"><h2 class=\"portfolio-entry-title entry-title\"><a href=\"https:\/\/www.garciafaura.com\/fr\/portfolio-item\/residencia-llacuna-28\/\" title=\"Maison de retraite Llacuna 28\">Maison de retraite Llacuna 28<\/a><\/h2><div class=\"portfolio-entry-categories entry-categories wpex-clr\"><a href=\"https:\/\/www.garciafaura.com\/fr\/portfolio-category\/batiments-corporatifs\/\" class=\"term-69\">B\u00e2timents Corporatifs<\/a><\/div><\/div><\/div><\/div><div class=\"portfolio-entry vcex-grid-item entry-has-details span_1_of_3 col col-3 vcex-isotope-entry vcex-no-margin-entry post-31941 entry type-portfolio has-media cat-75 cat-77 cat-90 translation_priority-5\"><div class=\"portfolio-entry-inner entry-inner wpex-clr\"><div class=\"portfolio-entry-media entry-media wpex-clr\"><a href=\"https:\/\/www.garciafaura.com\/wp-content\/uploads\/2023\/04\/Habitatges-residencia-carrer-Mallorca-14.jpg\" title=\"Logement et r\u00e9sidence Mallorca 234\" class=\"portfolio-entry-media-link wpex-lightbox-gallery\" data-gallery=\"[{&quot;src&quot;:&quot;https:\\\/\\\/www.garciafaura.com\\\/wp-content\\\/uploads\\\/2023\\\/04\\\/Habitatges-residencia-carrer-Mallorca-14.jpg&quot;,&quot;title&quot;:&quot;GARCIA FAURA&quot;},{&quot;src&quot;:&quot;https:\\\/\\\/www.garciafaura.com\\\/wp-content\\\/uploads\\\/2023\\\/04\\\/Habitatges-residencia-carrer-Mallorca-32.jpg&quot;,&quot;title&quot;:&quot;GARCIA FAURA&quot;},{&quot;src&quot;:&quot;https:\\\/\\\/www.garciafaura.com\\\/wp-content\\\/uploads\\\/2023\\\/04\\\/Habitatges-residencia-carrer-Mallorca-31.jpg&quot;,&quot;title&quot;:&quot;GARCIA FAURA&quot;},{&quot;src&quot;:&quot;https:\\\/\\\/www.garciafaura.com\\\/wp-content\\\/uploads\\\/2023\\\/04\\\/Habitatges-residencia-carrer-Mallorca-30.jpg&quot;,&quot;title&quot;:&quot;GARCIA FAURA&quot;},{&quot;src&quot;:&quot;https:\\\/\\\/www.garciafaura.com\\\/wp-content\\\/uploads\\\/2023\\\/04\\\/Habitatges-residencia-carrer-Mallorca-29.jpg&quot;,&quot;title&quot;:&quot;GARCIA FAURA&quot;},{&quot;src&quot;:&quot;https:\\\/\\\/www.garciafaura.com\\\/wp-content\\\/uploads\\\/2023\\\/04\\\/Habitatges-residencia-carrer-Mallorca-28.jpg&quot;,&quot;title&quot;:&quot;GARCIA FAURA&quot;},{&quot;src&quot;:&quot;https:\\\/\\\/www.garciafaura.com\\\/wp-content\\\/uploads\\\/2023\\\/04\\\/Habitatges-residencia-carrer-Mallorca-27.jpg&quot;,&quot;title&quot;:&quot;GARCIA FAURA&quot;},{&quot;src&quot;:&quot;https:\\\/\\\/www.garciafaura.com\\\/wp-content\\\/uploads\\\/2023\\\/04\\\/Habitatges-residencia-carrer-Mallorca-26.jpg&quot;,&quot;title&quot;:&quot;GARCIA FAURA&quot;},{&quot;src&quot;:&quot;https:\\\/\\\/www.garciafaura.com\\\/wp-content\\\/uploads\\\/2023\\\/04\\\/Habitatges-residencia-carrer-Mallorca-25.jpg&quot;,&quot;title&quot;:&quot;GARCIA FAURA&quot;},{&quot;src&quot;:&quot;https:\\\/\\\/www.garciafaura.com\\\/wp-content\\\/uploads\\\/2023\\\/04\\\/Habitatges-residencia-carrer-Mallorca-24.jpg&quot;,&quot;title&quot;:&quot;GARCIA FAURA&quot;},{&quot;src&quot;:&quot;https:\\\/\\\/www.garciafaura.com\\\/wp-content\\\/uploads\\\/2023\\\/04\\\/Habitatges-residencia-carrer-Mallorca-23.jpg&quot;,&quot;title&quot;:&quot;GARCIA FAURA&quot;},{&quot;src&quot;:&quot;https:\\\/\\\/www.garciafaura.com\\\/wp-content\\\/uploads\\\/2023\\\/04\\\/Habitatges-residencia-carrer-Mallorca-22.jpg&quot;,&quot;title&quot;:&quot;GARCIA FAURA&quot;},{&quot;src&quot;:&quot;https:\\\/\\\/www.garciafaura.com\\\/wp-content\\\/uploads\\\/2023\\\/04\\\/Habitatges-residencia-carrer-Mallorca-21.jpg&quot;,&quot;title&quot;:&quot;GARCIA FAURA&quot;},{&quot;src&quot;:&quot;https:\\\/\\\/www.garciafaura.com\\\/wp-content\\\/uploads\\\/2023\\\/04\\\/Habitatges-residencia-carrer-Mallorca-19.jpg&quot;,&quot;title&quot;:&quot;GARCIA FAURA&quot;},{&quot;src&quot;:&quot;https:\\\/\\\/www.garciafaura.com\\\/wp-content\\\/uploads\\\/2023\\\/04\\\/Habitatges-residencia-carrer-Mallorca-20.jpg&quot;,&quot;title&quot;:&quot;GARCIA FAURA&quot;},{&quot;src&quot;:&quot;https:\\\/\\\/www.garciafaura.com\\\/wp-content\\\/uploads\\\/2023\\\/04\\\/Habitatges-residencia-carrer-Mallorca-18.jpg&quot;,&quot;title&quot;:&quot;GARCIA FAURA&quot;},{&quot;src&quot;:&quot;https:\\\/\\\/www.garciafaura.com\\\/wp-content\\\/uploads\\\/2023\\\/04\\\/Habitatges-residencia-carrer-Mallorca-17.jpg&quot;,&quot;title&quot;:&quot;GARCIA FAURA&quot;},{&quot;src&quot;:&quot;https:\\\/\\\/www.garciafaura.com\\\/wp-content\\\/uploads\\\/2023\\\/04\\\/Habitatges-residencia-carrer-Mallorca-16.jpg&quot;,&quot;title&quot;:&quot;GARCIA FAURA&quot;},{&quot;src&quot;:&quot;https:\\\/\\\/www.garciafaura.com\\\/wp-content\\\/uploads\\\/2023\\\/04\\\/Habitatges-residencia-carrer-Mallorca-15.jpg&quot;,&quot;title&quot;:&quot;GARCIA FAURA&quot;},{&quot;src&quot;:&quot;https:\\\/\\\/www.garciafaura.com\\\/wp-content\\\/uploads\\\/2023\\\/04\\\/Habitatges-residencia-carrer-Mallorca-13.jpg&quot;,&quot;title&quot;:&quot;GARCIA FAURA&quot;},{&quot;src&quot;:&quot;https:\\\/\\\/www.garciafaura.com\\\/wp-content\\\/uploads\\\/2023\\\/04\\\/Habitatges-residencia-carrer-Mallorca-12.jpg&quot;,&quot;title&quot;:&quot;GARCIA FAURA&quot;},{&quot;src&quot;:&quot;https:\\\/\\\/www.garciafaura.com\\\/wp-content\\\/uploads\\\/2023\\\/04\\\/Habitatges-residencia-carrer-Mallorca-11.jpg&quot;,&quot;title&quot;:&quot;GARCIA FAURA&quot;},{&quot;src&quot;:&quot;https:\\\/\\\/www.garciafaura.com\\\/wp-content\\\/uploads\\\/2023\\\/04\\\/Habitatges-residencia-carrer-Mallorca-10.jpg&quot;,&quot;title&quot;:&quot;GARCIA FAURA&quot;},{&quot;src&quot;:&quot;https:\\\/\\\/www.garciafaura.com\\\/wp-content\\\/uploads\\\/2023\\\/04\\\/Habitatges-residencia-carrer-Mallorca-9.jpg&quot;,&quot;title&quot;:&quot;GARCIA FAURA&quot;},{&quot;src&quot;:&quot;https:\\\/\\\/www.garciafaura.com\\\/wp-content\\\/uploads\\\/2023\\\/04\\\/Habitatges-residencia-carrer-Mallorca-8.jpg&quot;,&quot;title&quot;:&quot;GARCIA FAURA&quot;},{&quot;src&quot;:&quot;https:\\\/\\\/www.garciafaura.com\\\/wp-content\\\/uploads\\\/2023\\\/04\\\/Habitatges-residencia-carrer-Mallorca-7.jpg&quot;,&quot;title&quot;:&quot;GARCIA FAURA&quot;},{&quot;src&quot;:&quot;https:\\\/\\\/www.garciafaura.com\\\/wp-content\\\/uploads\\\/2023\\\/04\\\/Habitatges-residencia-carrer-Mallorca-6.jpg&quot;,&quot;title&quot;:&quot;GARCIA FAURA&quot;},{&quot;src&quot;:&quot;https:\\\/\\\/www.garciafaura.com\\\/wp-content\\\/uploads\\\/2023\\\/04\\\/Habitatges-residencia-carrer-Mallorca-5.jpg&quot;,&quot;title&quot;:&quot;GARCIA FAURA&quot;},{&quot;src&quot;:&quot;https:\\\/\\\/www.garciafaura.com\\\/wp-content\\\/uploads\\\/2023\\\/04\\\/Habitatges-residencia-carrer-Mallorca-4.jpg&quot;,&quot;title&quot;:&quot;GARCIA FAURA&quot;},{&quot;src&quot;:&quot;https:\\\/\\\/www.garciafaura.com\\\/wp-content\\\/uploads\\\/2023\\\/04\\\/Habitatges-residencia-carrer-Mallorca-3.jpg&quot;,&quot;title&quot;:&quot;GARCIA FAURA&quot;},{&quot;src&quot;:&quot;https:\\\/\\\/www.garciafaura.com\\\/wp-content\\\/uploads\\\/2023\\\/04\\\/Habitatges-residencia-carrer-Mallorca-2.jpg&quot;,&quot;title&quot;:&quot;GARCIA FAURA&quot;},{&quot;src&quot;:&quot;https:\\\/\\\/www.garciafaura.com\\\/wp-content\\\/uploads\\\/2023\\\/04\\\/Habitatges-residencia-carrer-Mallorca-1.jpg&quot;,&quot;title&quot;:&quot;GARCIA FAURA&quot;}]\"><img loading=\"lazy\" decoding=\"async\" data-no-lazy=\"1\" class=\"portfolio-entry-img skip-lazy\" src=\"https:\/\/www.garciafaura.com\/wp-content\/uploads\/2023\/04\/Habitatges-residencia-carrer-Mallorca-14-600x314.jpg\" alt=\"GARCIA FAURA\" data-no-retina width=\"600\" height=\"314\" \/><\/a><\/div><div class=\"portfolio-entry-details entry-details wpex-clr\"><h2 class=\"portfolio-entry-title entry-title\"><a href=\"https:\/\/www.garciafaura.com\/fr\/portfolio-item\/habitatges-i-residencia-mallorca-234\/\" title=\"Logement et r\u00e9sidence Mallorca 234\">Logement et r\u00e9sidence Mallorca 234<\/a><\/h2><div class=\"portfolio-entry-categories entry-categories wpex-clr\"><a href=\"https:\/\/www.garciafaura.com\/fr\/portfolio-category\/ensembles-residentiels\/\" class=\"term-77\">Ensembles r\u00e9sidentiels<\/a><\/div><\/div><\/div><\/div><div class=\"portfolio-entry vcex-grid-item entry-has-details span_1_of_3 col col-1 vcex-isotope-entry vcex-no-margin-entry post-30306 entry type-portfolio has-media cat-75 translation_priority-5\"><div class=\"portfolio-entry-inner entry-inner wpex-clr\"><div class=\"portfolio-entry-media entry-media wpex-clr\"><a href=\"https:\/\/www.garciafaura.com\/wp-content\/uploads\/2022\/08\/GARCIA-FAURA-Hospital-Granollers-Tancaments-00.jpg\" title=\"Centre de Radioth\u00e9rapie Oncologique\" class=\"portfolio-entry-media-link wpex-lightbox-gallery\" data-gallery=\"[{&quot;src&quot;:&quot;https:\\\/\\\/www.garciafaura.com\\\/wp-content\\\/uploads\\\/2022\\\/08\\\/GARCIA-FAURA-Hospital-Granollers-Tancaments-00.jpg&quot;},{&quot;src&quot;:&quot;https:\\\/\\\/www.garciafaura.com\\\/wp-content\\\/uploads\\\/2022\\\/08\\\/GARCIA-FAURA-Hospital-Granollers-Tancaments-16.jpg&quot;},{&quot;src&quot;:&quot;https:\\\/\\\/www.garciafaura.com\\\/wp-content\\\/uploads\\\/2022\\\/08\\\/GARCIA-FAURA-Hospital-Granollers-Tancaments-15.jpg&quot;},{&quot;src&quot;:&quot;https:\\\/\\\/www.garciafaura.com\\\/wp-content\\\/uploads\\\/2022\\\/08\\\/GARCIA-FAURA-Hospital-Granollers-Tancaments-14.jpg&quot;},{&quot;src&quot;:&quot;https:\\\/\\\/www.garciafaura.com\\\/wp-content\\\/uploads\\\/2022\\\/08\\\/GARCIA-FAURA-Hospital-Granollers-Tancaments-13.jpg&quot;},{&quot;src&quot;:&quot;https:\\\/\\\/www.garciafaura.com\\\/wp-content\\\/uploads\\\/2022\\\/08\\\/GARCIA-FAURA-Hospital-Granollers-Tancaments-12.jpg&quot;},{&quot;src&quot;:&quot;https:\\\/\\\/www.garciafaura.com\\\/wp-content\\\/uploads\\\/2022\\\/08\\\/GARCIA-FAURA-Hospital-Granollers-Tancaments-11.jpg&quot;},{&quot;src&quot;:&quot;https:\\\/\\\/www.garciafaura.com\\\/wp-content\\\/uploads\\\/2022\\\/08\\\/GARCIA-FAURA-Hospital-Granollers-Tancaments-10.jpg&quot;},{&quot;src&quot;:&quot;https:\\\/\\\/www.garciafaura.com\\\/wp-content\\\/uploads\\\/2022\\\/08\\\/GARCIA-FAURA-Hospital-Granollers-Tancaments-09.jpg&quot;},{&quot;src&quot;:&quot;https:\\\/\\\/www.garciafaura.com\\\/wp-content\\\/uploads\\\/2022\\\/08\\\/GARCIA-FAURA-Hospital-Granollers-Tancaments-08.jpg&quot;},{&quot;src&quot;:&quot;https:\\\/\\\/www.garciafaura.com\\\/wp-content\\\/uploads\\\/2022\\\/08\\\/GARCIA-FAURA-Hospital-Granollers-Tancaments-07.jpg&quot;},{&quot;src&quot;:&quot;https:\\\/\\\/www.garciafaura.com\\\/wp-content\\\/uploads\\\/2022\\\/08\\\/GARCIA-FAURA-Hospital-Granollers-Tancaments-06.jpg&quot;},{&quot;src&quot;:&quot;https:\\\/\\\/www.garciafaura.com\\\/wp-content\\\/uploads\\\/2022\\\/08\\\/GARCIA-FAURA-Hospital-Granollers-Tancaments-05.jpg&quot;},{&quot;src&quot;:&quot;https:\\\/\\\/www.garciafaura.com\\\/wp-content\\\/uploads\\\/2022\\\/08\\\/GARCIA-FAURA-Hospital-Granollers-Tancaments-04.jpg&quot;},{&quot;src&quot;:&quot;https:\\\/\\\/www.garciafaura.com\\\/wp-content\\\/uploads\\\/2022\\\/08\\\/GARCIA-FAURA-Hospital-Granollers-Tancaments-02.jpg&quot;},{&quot;src&quot;:&quot;https:\\\/\\\/www.garciafaura.com\\\/wp-content\\\/uploads\\\/2022\\\/08\\\/GARCIA-FAURA-Hospital-Granollers-Tancaments-01.jpg&quot;}]\"><img loading=\"lazy\" decoding=\"async\" data-no-lazy=\"1\" class=\"portfolio-entry-img skip-lazy\" src=\"https:\/\/www.garciafaura.com\/wp-content\/uploads\/2022\/08\/GARCIA-FAURA-Hospital-Granollers-Tancaments-00-600x314.jpg\" alt='' data-no-retina width=\"600\" height=\"314\" \/><\/a><\/div><div class=\"portfolio-entry-details entry-details wpex-clr\"><h2 class=\"portfolio-entry-title entry-title\"><a href=\"https:\/\/www.garciafaura.com\/fr\/portfolio-item\/centre-doncologia-radioterapica\/\" title=\"Centre de Radioth\u00e9rapie Oncologique\">Centre de Radioth\u00e9rapie Oncologique<\/a><\/h2><div class=\"portfolio-entry-categories entry-categories wpex-clr\"><a href=\"https:\/\/www.garciafaura.com\/fr\/portfolio-category\/batiments-de-services\/\" class=\"term-75\">B\u00e2timents de Services<\/a><\/div><\/div><\/div><\/div><div class=\"portfolio-entry vcex-grid-item entry-has-details span_1_of_3 col col-2 vcex-isotope-entry vcex-no-margin-entry post-29043 entry type-portfolio has-media cat-75 translation_priority-5\"><div class=\"portfolio-entry-inner entry-inner wpex-clr\"><div class=\"portfolio-entry-media entry-media wpex-clr\"><a href=\"https:\/\/www.garciafaura.com\/wp-content\/uploads\/2022\/02\/Campus-docent-Sant-Joan-de-Deu-01.jpg\" title=\"Campus d&rsquo;Enseignement Sant Joan de D\u00e9u\" class=\"portfolio-entry-media-link wpex-lightbox-gallery\" data-gallery=\"[{&quot;src&quot;:&quot;https:\\\/\\\/www.garciafaura.com\\\/wp-content\\\/uploads\\\/2022\\\/02\\\/Campus-docent-Sant-Joan-de-Deu-01.jpg&quot;},{&quot;src&quot;:&quot;https:\\\/\\\/www.garciafaura.com\\\/wp-content\\\/uploads\\\/2022\\\/02\\\/Campus-docent-Sant-Joan-de-Deu-20.jpg&quot;},{&quot;src&quot;:&quot;https:\\\/\\\/www.garciafaura.com\\\/wp-content\\\/uploads\\\/2022\\\/02\\\/Campus-docent-Sant-Joan-de-Deu-19.jpg&quot;},{&quot;src&quot;:&quot;https:\\\/\\\/www.garciafaura.com\\\/wp-content\\\/uploads\\\/2022\\\/02\\\/Campus-docent-Sant-Joan-de-Deu-18.jpg&quot;},{&quot;src&quot;:&quot;https:\\\/\\\/www.garciafaura.com\\\/wp-content\\\/uploads\\\/2022\\\/02\\\/Campus-docent-Sant-Joan-de-Deu-17.jpg&quot;},{&quot;src&quot;:&quot;https:\\\/\\\/www.garciafaura.com\\\/wp-content\\\/uploads\\\/2022\\\/02\\\/Campus-docent-Sant-Joan-de-Deu-16.jpg&quot;},{&quot;src&quot;:&quot;https:\\\/\\\/www.garciafaura.com\\\/wp-content\\\/uploads\\\/2022\\\/02\\\/Campus-docent-Sant-Joan-de-Deu-15.jpg&quot;},{&quot;src&quot;:&quot;https:\\\/\\\/www.garciafaura.com\\\/wp-content\\\/uploads\\\/2022\\\/02\\\/Campus-docent-Sant-Joan-de-Deu-14.jpg&quot;},{&quot;src&quot;:&quot;https:\\\/\\\/www.garciafaura.com\\\/wp-content\\\/uploads\\\/2022\\\/02\\\/Campus-docent-Sant-Joan-de-Deu-13.jpg&quot;},{&quot;src&quot;:&quot;https:\\\/\\\/www.garciafaura.com\\\/wp-content\\\/uploads\\\/2022\\\/02\\\/Campus-docent-Sant-Joan-de-Deu-12.jpg&quot;},{&quot;src&quot;:&quot;https:\\\/\\\/www.garciafaura.com\\\/wp-content\\\/uploads\\\/2022\\\/02\\\/Campus-docent-Sant-Joan-de-Deu-11.jpg&quot;},{&quot;src&quot;:&quot;https:\\\/\\\/www.garciafaura.com\\\/wp-content\\\/uploads\\\/2022\\\/02\\\/Campus-docent-Sant-Joan-de-Deu-10.jpg&quot;},{&quot;src&quot;:&quot;https:\\\/\\\/www.garciafaura.com\\\/wp-content\\\/uploads\\\/2022\\\/02\\\/Campus-docent-Sant-Joan-de-Deu-09.jpg&quot;},{&quot;src&quot;:&quot;https:\\\/\\\/www.garciafaura.com\\\/wp-content\\\/uploads\\\/2022\\\/02\\\/Campus-docent-Sant-Joan-de-Deu-08.jpg&quot;},{&quot;src&quot;:&quot;https:\\\/\\\/www.garciafaura.com\\\/wp-content\\\/uploads\\\/2022\\\/02\\\/Campus-docent-Sant-Joan-de-Deu-07.jpg&quot;},{&quot;src&quot;:&quot;https:\\\/\\\/www.garciafaura.com\\\/wp-content\\\/uploads\\\/2022\\\/02\\\/Campus-docent-Sant-Joan-de-Deu-06.jpg&quot;},{&quot;src&quot;:&quot;https:\\\/\\\/www.garciafaura.com\\\/wp-content\\\/uploads\\\/2022\\\/02\\\/Campus-docent-Sant-Joan-de-Deu-05.jpg&quot;},{&quot;src&quot;:&quot;https:\\\/\\\/www.garciafaura.com\\\/wp-content\\\/uploads\\\/2022\\\/02\\\/Campus-docent-Sant-Joan-de-Deu-04.jpg&quot;},{&quot;src&quot;:&quot;https:\\\/\\\/www.garciafaura.com\\\/wp-content\\\/uploads\\\/2022\\\/02\\\/Campus-docent-Sant-Joan-de-Deu-03.jpg&quot;},{&quot;src&quot;:&quot;https:\\\/\\\/www.garciafaura.com\\\/wp-content\\\/uploads\\\/2022\\\/02\\\/Campus-docent-Sant-Joan-de-Deu-02.jpg&quot;}]\"><img loading=\"lazy\" decoding=\"async\" data-no-lazy=\"1\" class=\"portfolio-entry-img skip-lazy\" src=\"https:\/\/www.garciafaura.com\/wp-content\/uploads\/2022\/02\/Campus-docent-Sant-Joan-de-Deu-01-600x314.jpg\" alt='' data-no-retina width=\"600\" height=\"314\" \/><\/a><\/div><div class=\"portfolio-entry-details entry-details wpex-clr\"><h2 class=\"portfolio-entry-title entry-title\"><a href=\"https:\/\/www.garciafaura.com\/fr\/portfolio-item\/campus-docent-sant-joan-de-deu\/\" title=\"Campus d&rsquo;Enseignement Sant Joan de D\u00e9u\">Campus d&rsquo;Enseignement Sant Joan de D\u00e9u<\/a><\/h2><div class=\"portfolio-entry-categories entry-categories wpex-clr\"><a href=\"https:\/\/www.garciafaura.com\/fr\/portfolio-category\/batiments-de-services\/\" class=\"term-75\">B\u00e2timents de Services<\/a><\/div><\/div><\/div><\/div><div class=\"portfolio-entry vcex-grid-item entry-has-details span_1_of_3 col col-3 vcex-isotope-entry vcex-no-margin-entry post-28477 entry type-portfolio has-media cat-75 cat-92 cat-77 cat-91 translation_priority-5\"><div class=\"portfolio-entry-inner entry-inner wpex-clr\"><div class=\"portfolio-entry-media entry-media wpex-clr\"><a href=\"https:\/\/www.garciafaura.com\/wp-content\/uploads\/2021\/10\/Residencia-Valeo-13.jpg\" title=\"R\u00e9sidence \u00e9tudiante Valeo 22@\" class=\"portfolio-entry-media-link wpex-lightbox-gallery\" data-gallery=\"[{&quot;src&quot;:&quot;https:\\\/\\\/www.garciafaura.com\\\/wp-content\\\/uploads\\\/2021\\\/10\\\/Residencia-Valeo-1.jpg&quot;},{&quot;src&quot;:&quot;https:\\\/\\\/www.garciafaura.com\\\/wp-content\\\/uploads\\\/2021\\\/10\\\/Residencia-Valeo-19.jpg&quot;},{&quot;src&quot;:&quot;https:\\\/\\\/www.garciafaura.com\\\/wp-content\\\/uploads\\\/2021\\\/10\\\/Residencia-Valeo-18.jpg&quot;},{&quot;src&quot;:&quot;https:\\\/\\\/www.garciafaura.com\\\/wp-content\\\/uploads\\\/2021\\\/10\\\/Residencia-Valeo-17.jpg&quot;},{&quot;src&quot;:&quot;https:\\\/\\\/www.garciafaura.com\\\/wp-content\\\/uploads\\\/2021\\\/10\\\/Residencia-Valeo-16.jpg&quot;},{&quot;src&quot;:&quot;https:\\\/\\\/www.garciafaura.com\\\/wp-content\\\/uploads\\\/2021\\\/10\\\/Residencia-Valeo-15.jpg&quot;},{&quot;src&quot;:&quot;https:\\\/\\\/www.garciafaura.com\\\/wp-content\\\/uploads\\\/2021\\\/10\\\/Residencia-Valeo-14.jpg&quot;},{&quot;src&quot;:&quot;https:\\\/\\\/www.garciafaura.com\\\/wp-content\\\/uploads\\\/2021\\\/10\\\/Residencia-Valeo-13.jpg&quot;},{&quot;src&quot;:&quot;https:\\\/\\\/www.garciafaura.com\\\/wp-content\\\/uploads\\\/2021\\\/10\\\/Residencia-Valeo-12.jpg&quot;},{&quot;src&quot;:&quot;https:\\\/\\\/www.garciafaura.com\\\/wp-content\\\/uploads\\\/2021\\\/10\\\/Residencia-Valeo-11.jpg&quot;},{&quot;src&quot;:&quot;https:\\\/\\\/www.garciafaura.com\\\/wp-content\\\/uploads\\\/2021\\\/10\\\/Residencia-Valeo-10.jpg&quot;},{&quot;src&quot;:&quot;https:\\\/\\\/www.garciafaura.com\\\/wp-content\\\/uploads\\\/2021\\\/10\\\/Residencia-Valeo-9.jpg&quot;},{&quot;src&quot;:&quot;https:\\\/\\\/www.garciafaura.com\\\/wp-content\\\/uploads\\\/2021\\\/10\\\/Residencia-Valeo-8.jpg&quot;},{&quot;src&quot;:&quot;https:\\\/\\\/www.garciafaura.com\\\/wp-content\\\/uploads\\\/2021\\\/10\\\/Residencia-Valeo-7.jpg&quot;},{&quot;src&quot;:&quot;https:\\\/\\\/www.garciafaura.com\\\/wp-content\\\/uploads\\\/2021\\\/10\\\/Residencia-Valeo-6.jpg&quot;},{&quot;src&quot;:&quot;https:\\\/\\\/www.garciafaura.com\\\/wp-content\\\/uploads\\\/2021\\\/10\\\/Residencia-Valeo-5.jpg&quot;},{&quot;src&quot;:&quot;https:\\\/\\\/www.garciafaura.com\\\/wp-content\\\/uploads\\\/2021\\\/10\\\/Residencia-Valeo-4.jpg&quot;},{&quot;src&quot;:&quot;https:\\\/\\\/www.garciafaura.com\\\/wp-content\\\/uploads\\\/2021\\\/10\\\/Residencia-Valeo-3.jpg&quot;},{&quot;src&quot;:&quot;https:\\\/\\\/www.garciafaura.com\\\/wp-content\\\/uploads\\\/2021\\\/10\\\/Residencia-Valeo-2.jpg&quot;}]\"><img loading=\"lazy\" decoding=\"async\" data-no-lazy=\"1\" class=\"portfolio-entry-img skip-lazy\" src=\"https:\/\/www.garciafaura.com\/wp-content\/uploads\/2021\/10\/Residencia-Valeo-13-600x314.jpg\" alt='' data-no-retina width=\"600\" height=\"314\" \/><\/a><\/div><div class=\"portfolio-entry-details entry-details wpex-clr\"><h2 class=\"portfolio-entry-title entry-title\"><a href=\"https:\/\/www.garciafaura.com\/fr\/portfolio-item\/residencia-destudiants-valeo-22\/\" title=\"R\u00e9sidence \u00e9tudiante Valeo 22@\">R\u00e9sidence \u00e9tudiante Valeo 22@<\/a><\/h2><div class=\"portfolio-entry-categories entry-categories wpex-clr\"><a href=\"https:\/\/www.garciafaura.com\/fr\/portfolio-category\/batiments-de-services-remarquables\/\" class=\"term-92\">B\u00e2timents de Services Remarquables<\/a><\/div><\/div><\/div><\/div><div class=\"portfolio-entry vcex-grid-item entry-has-details span_1_of_3 col col-1 vcex-isotope-entry vcex-no-margin-entry post-28452 entry type-portfolio has-media cat-75 translation_priority-5\"><div class=\"portfolio-entry-inner entry-inner wpex-clr\"><div class=\"portfolio-entry-media entry-media wpex-clr\"><a href=\"https:\/\/www.garciafaura.com\/wp-content\/uploads\/2021\/10\/Reside\u0300ncia-Pallars-489-04.jpg\" title=\"R\u00e9sidence \u00e9tudiante Pallars 489\" class=\"portfolio-entry-media-link wpex-lightbox-gallery\" data-gallery=\"[{&quot;src&quot;:&quot;https:\\\/\\\/www.garciafaura.com\\\/wp-content\\\/uploads\\\/2021\\\/10\\\/Reside\\u0300ncia-Pallars-489-04.jpg&quot;},{&quot;src&quot;:&quot;https:\\\/\\\/www.garciafaura.com\\\/wp-content\\\/uploads\\\/2021\\\/10\\\/Reside\\u0300ncia-Pallars-489-15.jpg&quot;},{&quot;src&quot;:&quot;https:\\\/\\\/www.garciafaura.com\\\/wp-content\\\/uploads\\\/2021\\\/10\\\/Reside\\u0300ncia-Pallars-489-14.jpg&quot;},{&quot;src&quot;:&quot;https:\\\/\\\/www.garciafaura.com\\\/wp-content\\\/uploads\\\/2021\\\/10\\\/Reside\\u0300ncia-Pallars-489-13.jpg&quot;},{&quot;src&quot;:&quot;https:\\\/\\\/www.garciafaura.com\\\/wp-content\\\/uploads\\\/2021\\\/10\\\/Reside\\u0300ncia-Pallars-489-01.jpg&quot;},{&quot;src&quot;:&quot;https:\\\/\\\/www.garciafaura.com\\\/wp-content\\\/uploads\\\/2021\\\/10\\\/Reside\\u0300ncia-Pallars-489-12.jpg&quot;},{&quot;src&quot;:&quot;https:\\\/\\\/www.garciafaura.com\\\/wp-content\\\/uploads\\\/2021\\\/10\\\/Reside\\u0300ncia-Pallars-489-11.jpg&quot;},{&quot;src&quot;:&quot;https:\\\/\\\/www.garciafaura.com\\\/wp-content\\\/uploads\\\/2021\\\/10\\\/Reside\\u0300ncia-Pallars-489-10.jpg&quot;},{&quot;src&quot;:&quot;https:\\\/\\\/www.garciafaura.com\\\/wp-content\\\/uploads\\\/2021\\\/10\\\/Reside\\u0300ncia-Pallars-489-09.jpg&quot;},{&quot;src&quot;:&quot;https:\\\/\\\/www.garciafaura.com\\\/wp-content\\\/uploads\\\/2021\\\/10\\\/Reside\\u0300ncia-Pallars-489-08.jpg&quot;},{&quot;src&quot;:&quot;https:\\\/\\\/www.garciafaura.com\\\/wp-content\\\/uploads\\\/2021\\\/10\\\/Reside\\u0300ncia-Pallars-489-07.jpg&quot;},{&quot;src&quot;:&quot;https:\\\/\\\/www.garciafaura.com\\\/wp-content\\\/uploads\\\/2021\\\/10\\\/Reside\\u0300ncia-Pallars-489-06.jpg&quot;},{&quot;src&quot;:&quot;https:\\\/\\\/www.garciafaura.com\\\/wp-content\\\/uploads\\\/2021\\\/10\\\/Reside\\u0300ncia-Pallars-489-05.jpg&quot;},{&quot;src&quot;:&quot;https:\\\/\\\/www.garciafaura.com\\\/wp-content\\\/uploads\\\/2021\\\/10\\\/Reside\\u0300ncia-Pallars-489-03.jpg&quot;},{&quot;src&quot;:&quot;https:\\\/\\\/www.garciafaura.com\\\/wp-content\\\/uploads\\\/2021\\\/10\\\/Reside\\u0300ncia-Pallars-489-02.jpg&quot;}]\"><img loading=\"lazy\" decoding=\"async\" data-no-lazy=\"1\" class=\"portfolio-entry-img skip-lazy\" src=\"https:\/\/www.garciafaura.com\/wp-content\/uploads\/2021\/10\/Reside\u0300ncia-Pallars-489-04-600x314.jpg\" alt='' data-no-retina width=\"600\" height=\"314\" \/><\/a><\/div><div class=\"portfolio-entry-details entry-details wpex-clr\"><h2 class=\"portfolio-entry-title entry-title\"><a href=\"https:\/\/www.garciafaura.com\/fr\/portfolio-item\/residencia-pallars-488\/\" title=\"R\u00e9sidence \u00e9tudiante Pallars 489\">R\u00e9sidence \u00e9tudiante Pallars 489<\/a><\/h2><div class=\"portfolio-entry-categories entry-categories wpex-clr\"><a href=\"https:\/\/www.garciafaura.com\/fr\/portfolio-category\/batiments-de-services\/\" class=\"term-75\">B\u00e2timents de Services<\/a><\/div><\/div><\/div><\/div><div class=\"portfolio-entry vcex-grid-item entry-has-details span_1_of_3 col col-2 vcex-isotope-entry vcex-no-margin-entry post-28313 entry type-portfolio has-media cat-75 cat-92 translation_priority-5\"><div class=\"portfolio-entry-inner entry-inner wpex-clr\"><div class=\"portfolio-entry-media entry-media wpex-clr\"><a href=\"https:\/\/www.garciafaura.com\/wp-content\/uploads\/2021\/08\/Residencia-Pallars-433-11.jpg\" title=\"R\u00e9sidence \u00e9tudiante Pallars 433\" class=\"portfolio-entry-media-link wpex-lightbox-gallery\" data-gallery=\"[{&quot;src&quot;:&quot;https:\\\/\\\/www.garciafaura.com\\\/wp-content\\\/uploads\\\/2021\\\/08\\\/Residencia-Pallars-433-11.jpg&quot;},{&quot;src&quot;:&quot;https:\\\/\\\/www.garciafaura.com\\\/wp-content\\\/uploads\\\/2021\\\/08\\\/Residencia-Pallars-433-10.jpg&quot;},{&quot;src&quot;:&quot;https:\\\/\\\/www.garciafaura.com\\\/wp-content\\\/uploads\\\/2021\\\/08\\\/Reside\\u0300ncia-Pallars-433-20.jpg&quot;},{&quot;src&quot;:&quot;https:\\\/\\\/www.garciafaura.com\\\/wp-content\\\/uploads\\\/2021\\\/08\\\/Residencia-Pallars-433-09.jpg&quot;},{&quot;src&quot;:&quot;https:\\\/\\\/www.garciafaura.com\\\/wp-content\\\/uploads\\\/2021\\\/08\\\/Reside\\u0300ncia-Pallars-433-08.jpg&quot;},{&quot;src&quot;:&quot;https:\\\/\\\/www.garciafaura.com\\\/wp-content\\\/uploads\\\/2021\\\/08\\\/Residencia-Pallars-433-07.jpg&quot;},{&quot;src&quot;:&quot;https:\\\/\\\/www.garciafaura.com\\\/wp-content\\\/uploads\\\/2021\\\/08\\\/Residencia-Pallars-433-06.jpg&quot;},{&quot;src&quot;:&quot;https:\\\/\\\/www.garciafaura.com\\\/wp-content\\\/uploads\\\/2021\\\/08\\\/Reside\\u0300ncia-Pallars-433-18.jpg&quot;},{&quot;src&quot;:&quot;https:\\\/\\\/www.garciafaura.com\\\/wp-content\\\/uploads\\\/2021\\\/08\\\/Residencia-Pallars-433-05.jpg&quot;},{&quot;src&quot;:&quot;https:\\\/\\\/www.garciafaura.com\\\/wp-content\\\/uploads\\\/2021\\\/08\\\/Residencia-Pallars-433-04.jpg&quot;},{&quot;src&quot;:&quot;https:\\\/\\\/www.garciafaura.com\\\/wp-content\\\/uploads\\\/2021\\\/08\\\/Residencia-Pallars-433-03.jpg&quot;},{&quot;src&quot;:&quot;https:\\\/\\\/www.garciafaura.com\\\/wp-content\\\/uploads\\\/2021\\\/08\\\/Reside\\u0300ncia-Pallars-433-16.jpg&quot;},{&quot;src&quot;:&quot;https:\\\/\\\/www.garciafaura.com\\\/wp-content\\\/uploads\\\/2021\\\/08\\\/Reside\\u0300ncia-Pallars-433-12.jpg&quot;},{&quot;src&quot;:&quot;https:\\\/\\\/www.garciafaura.com\\\/wp-content\\\/uploads\\\/2021\\\/08\\\/Residencia-Pallars-433-02.jpg&quot;},{&quot;src&quot;:&quot;https:\\\/\\\/www.garciafaura.com\\\/wp-content\\\/uploads\\\/2021\\\/08\\\/Residencia-Pallars-433-01.jpg&quot;}]\"><img loading=\"lazy\" decoding=\"async\" data-no-lazy=\"1\" class=\"portfolio-entry-img skip-lazy\" src=\"https:\/\/www.garciafaura.com\/wp-content\/uploads\/2021\/08\/Residencia-Pallars-433-11-600x314.jpg\" alt='' data-no-retina width=\"600\" height=\"314\" \/><\/a><\/div><div class=\"portfolio-entry-details entry-details wpex-clr\"><h2 class=\"portfolio-entry-title entry-title\"><a href=\"https:\/\/www.garciafaura.com\/fr\/portfolio-item\/residencia-pallars-433\/\" title=\"R\u00e9sidence \u00e9tudiante Pallars 433\">R\u00e9sidence \u00e9tudiante Pallars 433<\/a><\/h2><div class=\"portfolio-entry-categories entry-categories wpex-clr\"><a href=\"https:\/\/www.garciafaura.com\/fr\/portfolio-category\/batiments-de-services\/\" class=\"term-75\">B\u00e2timents de Services<\/a><\/div><\/div><\/div><\/div><div class=\"portfolio-entry vcex-grid-item entry-has-details span_1_of_3 col col-3 vcex-isotope-entry vcex-no-margin-entry post-21464 entry type-portfolio has-media cat-75 translation_priority-5\"><div class=\"portfolio-entry-inner entry-inner wpex-clr\"><div class=\"portfolio-entry-media entry-media wpex-clr\"><a href=\"https:\/\/www.garciafaura.com\/wp-content\/uploads\/2019\/04\/Tanatori-Litoral-01.jpg\" title=\"Fun\u00e9rarium Litoral\" class=\"portfolio-entry-media-link wpex-lightbox-gallery\" data-gallery=\"[{&quot;src&quot;:&quot;https:\\\/\\\/www.garciafaura.com\\\/wp-content\\\/uploads\\\/2019\\\/04\\\/Tanatori-Litoral-01.jpg&quot;},{&quot;src&quot;:&quot;https:\\\/\\\/www.garciafaura.com\\\/wp-content\\\/uploads\\\/2019\\\/04\\\/Tanatori-Litoral-19.jpg&quot;},{&quot;src&quot;:&quot;https:\\\/\\\/www.garciafaura.com\\\/wp-content\\\/uploads\\\/2019\\\/04\\\/Tanatori-Litoral-18.jpg&quot;},{&quot;src&quot;:&quot;https:\\\/\\\/www.garciafaura.com\\\/wp-content\\\/uploads\\\/2019\\\/04\\\/Tanatori-Litoral-17.jpg&quot;},{&quot;src&quot;:&quot;https:\\\/\\\/www.garciafaura.com\\\/wp-content\\\/uploads\\\/2019\\\/04\\\/Tanatori-Litoral-16.jpg&quot;},{&quot;src&quot;:&quot;https:\\\/\\\/www.garciafaura.com\\\/wp-content\\\/uploads\\\/2019\\\/04\\\/Tanatori-Litoral-15.jpg&quot;},{&quot;src&quot;:&quot;https:\\\/\\\/www.garciafaura.com\\\/wp-content\\\/uploads\\\/2019\\\/04\\\/Tanatori-Litoral-14.jpg&quot;},{&quot;src&quot;:&quot;https:\\\/\\\/www.garciafaura.com\\\/wp-content\\\/uploads\\\/2019\\\/04\\\/Tanatori-Litoral-13.jpg&quot;},{&quot;src&quot;:&quot;https:\\\/\\\/www.garciafaura.com\\\/wp-content\\\/uploads\\\/2019\\\/04\\\/Tanatori-Litoral-12.jpg&quot;},{&quot;src&quot;:&quot;https:\\\/\\\/www.garciafaura.com\\\/wp-content\\\/uploads\\\/2019\\\/04\\\/Tanatori-Litoral-11.jpg&quot;},{&quot;src&quot;:&quot;https:\\\/\\\/www.garciafaura.com\\\/wp-content\\\/uploads\\\/2019\\\/04\\\/Tanatori-Litoral-10.jpg&quot;},{&quot;src&quot;:&quot;https:\\\/\\\/www.garciafaura.com\\\/wp-content\\\/uploads\\\/2019\\\/04\\\/Tanatori-Litoral-09.jpg&quot;},{&quot;src&quot;:&quot;https:\\\/\\\/www.garciafaura.com\\\/wp-content\\\/uploads\\\/2019\\\/04\\\/Tanatori-Litoral-08.jpg&quot;},{&quot;src&quot;:&quot;https:\\\/\\\/www.garciafaura.com\\\/wp-content\\\/uploads\\\/2019\\\/04\\\/Tanatori-Litoral-07.jpg&quot;},{&quot;src&quot;:&quot;https:\\\/\\\/www.garciafaura.com\\\/wp-content\\\/uploads\\\/2019\\\/04\\\/Tanatori-Litoral-06.jpg&quot;},{&quot;src&quot;:&quot;https:\\\/\\\/www.garciafaura.com\\\/wp-content\\\/uploads\\\/2019\\\/04\\\/Tanatori-Litoral-05.jpg&quot;},{&quot;src&quot;:&quot;https:\\\/\\\/www.garciafaura.com\\\/wp-content\\\/uploads\\\/2019\\\/04\\\/Tanatori-Litoral-04.jpg&quot;},{&quot;src&quot;:&quot;https:\\\/\\\/www.garciafaura.com\\\/wp-content\\\/uploads\\\/2019\\\/04\\\/Tanatori-Litoral-03.jpg&quot;},{&quot;src&quot;:&quot;https:\\\/\\\/www.garciafaura.com\\\/wp-content\\\/uploads\\\/2019\\\/04\\\/Tanatori-Litoral-02.jpg&quot;}]\"><img loading=\"lazy\" decoding=\"async\" data-no-lazy=\"1\" class=\"portfolio-entry-img skip-lazy\" src=\"https:\/\/www.garciafaura.com\/wp-content\/uploads\/2019\/04\/Tanatori-Litoral-01-600x314.jpg\" alt='' data-no-retina width=\"600\" height=\"314\" \/><\/a><\/div><div class=\"portfolio-entry-details entry-details wpex-clr\"><h2 class=\"portfolio-entry-title entry-title\"><a href=\"https:\/\/www.garciafaura.com\/fr\/portfolio-item\/funerarium-litoral\/\" title=\"Fun\u00e9rarium Litoral\">Fun\u00e9rarium Litoral<\/a><\/h2><div class=\"portfolio-entry-categories entry-categories wpex-clr\"><a href=\"https:\/\/www.garciafaura.com\/fr\/portfolio-category\/batiments-de-services\/\" class=\"term-75\">B\u00e2timents de Services<\/a><\/div><\/div><\/div><\/div><div class=\"portfolio-entry vcex-grid-item entry-has-details span_1_of_3 col col-1 vcex-isotope-entry vcex-no-margin-entry post-27448 entry type-portfolio has-media cat-75 cat-92 cat-93 cat-95 translation_priority-5\"><div class=\"portfolio-entry-inner entry-inner wpex-clr\"><div class=\"portfolio-entry-media entry-media wpex-clr\"><a href=\"https:\/\/www.garciafaura.com\/wp-content\/uploads\/2021\/04\/Edifici-Smart-323-01.jpg\" title=\"B\u00e2timent Smart BCN\" class=\"portfolio-entry-media-link wpex-lightbox\"><img loading=\"lazy\" decoding=\"async\" data-no-lazy=\"1\" class=\"portfolio-entry-img skip-lazy\" src=\"https:\/\/www.garciafaura.com\/wp-content\/uploads\/2021\/04\/Edifici-Smart-323-01-600x314.jpg\" alt='' data-no-retina width=\"600\" height=\"314\" \/><\/a><\/div><div class=\"portfolio-entry-details entry-details wpex-clr\"><h2 class=\"portfolio-entry-title entry-title\"><a href=\"https:\/\/www.garciafaura.com\/fr\/portfolio-item\/edifici-smart-bcn\/\" title=\"B\u00e2timent Smart BCN\">B\u00e2timent Smart BCN<\/a><\/h2><div class=\"portfolio-entry-categories entry-categories wpex-clr\"><a href=\"https:\/\/www.garciafaura.com\/fr\/portfolio-category\/batiments-de-services\/\" class=\"term-75\">B\u00e2timents de Services<\/a><\/div><\/div><\/div><\/div><div class=\"portfolio-entry vcex-grid-item entry-has-details span_1_of_3 col col-2 vcex-isotope-entry vcex-no-margin-entry post-26297 entry type-portfolio has-media cat-69 cat-102 cat-75 cat-92 translation_priority-5\"><div class=\"portfolio-entry-inner entry-inner wpex-clr\"><div class=\"portfolio-entry-media entry-media wpex-clr\"><a href=\"https:\/\/www.garciafaura.com\/wp-content\/uploads\/2021\/01\/Pediatric-Centre-Sant-Joan-Deu-42.jpg\" title=\"H\u00f4pital SJD Pediatric Cancer Center BCN\" class=\"portfolio-entry-media-link wpex-lightbox-gallery\" data-gallery=\"[{&quot;src&quot;:&quot;https:\\\/\\\/www.garciafaura.com\\\/wp-content\\\/uploads\\\/2021\\\/01\\\/Pediatric-Centre-Sant-Joan-Deu-42.jpg&quot;},{&quot;src&quot;:&quot;https:\\\/\\\/www.garciafaura.com\\\/wp-content\\\/uploads\\\/2021\\\/01\\\/Pediatric-Centre-Sant-Joan-Deu-57.jpg&quot;},{&quot;src&quot;:&quot;https:\\\/\\\/www.garciafaura.com\\\/wp-content\\\/uploads\\\/2021\\\/01\\\/Pediatric-Centre-Sant-Joan-Deu-56.jpg&quot;},{&quot;src&quot;:&quot;https:\\\/\\\/www.garciafaura.com\\\/wp-content\\\/uploads\\\/2021\\\/01\\\/Pediatric-Centre-Sant-Joan-Deu-55.jpg&quot;},{&quot;src&quot;:&quot;https:\\\/\\\/www.garciafaura.com\\\/wp-content\\\/uploads\\\/2021\\\/01\\\/Pediatric-Centre-Sant-Joan-Deu-54.jpg&quot;},{&quot;src&quot;:&quot;https:\\\/\\\/www.garciafaura.com\\\/wp-content\\\/uploads\\\/2021\\\/01\\\/Pediatric-Centre-Sant-Joan-Deu-53.jpg&quot;},{&quot;src&quot;:&quot;https:\\\/\\\/www.garciafaura.com\\\/wp-content\\\/uploads\\\/2021\\\/01\\\/Pediatric-Centre-Sant-Joan-Deu-52.jpg&quot;},{&quot;src&quot;:&quot;https:\\\/\\\/www.garciafaura.com\\\/wp-content\\\/uploads\\\/2021\\\/01\\\/Pediatric-Centre-Sant-Joan-Deu-51.jpg&quot;},{&quot;src&quot;:&quot;https:\\\/\\\/www.garciafaura.com\\\/wp-content\\\/uploads\\\/2021\\\/01\\\/Pediatric-Centre-Sant-Joan-Deu-50.jpg&quot;},{&quot;src&quot;:&quot;https:\\\/\\\/www.garciafaura.com\\\/wp-content\\\/uploads\\\/2021\\\/01\\\/Pediatric-Centre-Sant-Joan-Deu-49.jpg&quot;},{&quot;src&quot;:&quot;https:\\\/\\\/www.garciafaura.com\\\/wp-content\\\/uploads\\\/2021\\\/01\\\/Pediatric-Centre-Sant-Joan-Deu-48.jpg&quot;},{&quot;src&quot;:&quot;https:\\\/\\\/www.garciafaura.com\\\/wp-content\\\/uploads\\\/2021\\\/01\\\/Pediatric-Centre-Sant-Joan-Deu-47.jpg&quot;},{&quot;src&quot;:&quot;https:\\\/\\\/www.garciafaura.com\\\/wp-content\\\/uploads\\\/2021\\\/01\\\/Pediatric-Centre-Sant-Joan-Deu-46.jpg&quot;},{&quot;src&quot;:&quot;https:\\\/\\\/www.garciafaura.com\\\/wp-content\\\/uploads\\\/2021\\\/01\\\/Pediatric-Centre-Sant-Joan-Deu-45.jpg&quot;},{&quot;src&quot;:&quot;https:\\\/\\\/www.garciafaura.com\\\/wp-content\\\/uploads\\\/2021\\\/01\\\/Pediatric-Centre-Sant-Joan-Deu-44.jpg&quot;},{&quot;src&quot;:&quot;https:\\\/\\\/www.garciafaura.com\\\/wp-content\\\/uploads\\\/2021\\\/01\\\/Pediatric-Centre-Sant-Joan-Deu-43.jpg&quot;},{&quot;src&quot;:&quot;https:\\\/\\\/www.garciafaura.com\\\/wp-content\\\/uploads\\\/2021\\\/01\\\/Pediatric-Centre-Sant-Joan-Deu-41.jpg&quot;},{&quot;src&quot;:&quot;https:\\\/\\\/www.garciafaura.com\\\/wp-content\\\/uploads\\\/2021\\\/01\\\/Pediatric-Centre-Sant-Joan-Deu-40.jpg&quot;},{&quot;src&quot;:&quot;https:\\\/\\\/www.garciafaura.com\\\/wp-content\\\/uploads\\\/2021\\\/01\\\/Pediatric-Centre-Sant-Joan-Deu-39.jpg&quot;},{&quot;src&quot;:&quot;https:\\\/\\\/www.garciafaura.com\\\/wp-content\\\/uploads\\\/2021\\\/01\\\/Pediatric-Centre-Sant-Joan-Deu-38.jpg&quot;},{&quot;src&quot;:&quot;https:\\\/\\\/www.garciafaura.com\\\/wp-content\\\/uploads\\\/2021\\\/01\\\/Pediatric-Centre-Sant-Joan-Deu-37.jpg&quot;},{&quot;src&quot;:&quot;https:\\\/\\\/www.garciafaura.com\\\/wp-content\\\/uploads\\\/2021\\\/01\\\/Pediatric-Centre-Sant-Joan-Deu-36.jpg&quot;},{&quot;src&quot;:&quot;https:\\\/\\\/www.garciafaura.com\\\/wp-content\\\/uploads\\\/2021\\\/01\\\/Pediatric-Centre-Sant-Joan-Deu-35.jpg&quot;},{&quot;src&quot;:&quot;https:\\\/\\\/www.garciafaura.com\\\/wp-content\\\/uploads\\\/2021\\\/01\\\/Pediatric-Centre-Sant-Joan-Deu-34.jpg&quot;},{&quot;src&quot;:&quot;https:\\\/\\\/www.garciafaura.com\\\/wp-content\\\/uploads\\\/2021\\\/01\\\/Pediatric-Centre-Sant-Joan-Deu-33.jpg&quot;},{&quot;src&quot;:&quot;https:\\\/\\\/www.garciafaura.com\\\/wp-content\\\/uploads\\\/2021\\\/01\\\/Pediatric-Centre-Sant-Joan-Deu-32.jpg&quot;},{&quot;src&quot;:&quot;https:\\\/\\\/www.garciafaura.com\\\/wp-content\\\/uploads\\\/2021\\\/01\\\/Pediatric-Centre-Sant-Joan-Deu-31.jpg&quot;},{&quot;src&quot;:&quot;https:\\\/\\\/www.garciafaura.com\\\/wp-content\\\/uploads\\\/2021\\\/01\\\/Pediatric-Centre-Sant-Joan-Deu-30.jpg&quot;},{&quot;src&quot;:&quot;https:\\\/\\\/www.garciafaura.com\\\/wp-content\\\/uploads\\\/2021\\\/01\\\/Pediatric-Centre-Sant-Joan-Deu-29.jpg&quot;},{&quot;src&quot;:&quot;https:\\\/\\\/www.garciafaura.com\\\/wp-content\\\/uploads\\\/2021\\\/01\\\/Pediatric-Centre-Sant-Joan-Deu-28.jpg&quot;},{&quot;src&quot;:&quot;https:\\\/\\\/www.garciafaura.com\\\/wp-content\\\/uploads\\\/2021\\\/01\\\/Pediatric-Centre-Sant-Joan-Deu-27.jpg&quot;},{&quot;src&quot;:&quot;https:\\\/\\\/www.garciafaura.com\\\/wp-content\\\/uploads\\\/2021\\\/01\\\/Pediatric-Centre-Sant-Joan-Deu-26.jpg&quot;},{&quot;src&quot;:&quot;https:\\\/\\\/www.garciafaura.com\\\/wp-content\\\/uploads\\\/2021\\\/01\\\/Pediatric-Centre-Sant-Joan-Deu-25.jpg&quot;},{&quot;src&quot;:&quot;https:\\\/\\\/www.garciafaura.com\\\/wp-content\\\/uploads\\\/2021\\\/01\\\/Pediatric-Centre-Sant-Joan-Deu-24.jpg&quot;},{&quot;src&quot;:&quot;https:\\\/\\\/www.garciafaura.com\\\/wp-content\\\/uploads\\\/2021\\\/01\\\/Pediatric-Centre-Sant-Joan-Deu-23.jpg&quot;},{&quot;src&quot;:&quot;https:\\\/\\\/www.garciafaura.com\\\/wp-content\\\/uploads\\\/2021\\\/01\\\/Pediatric-Centre-Sant-Joan-Deu-22.jpg&quot;},{&quot;src&quot;:&quot;https:\\\/\\\/www.garciafaura.com\\\/wp-content\\\/uploads\\\/2021\\\/01\\\/Pediatric-Centre-Sant-Joan-Deu-21.jpg&quot;},{&quot;src&quot;:&quot;https:\\\/\\\/www.garciafaura.com\\\/wp-content\\\/uploads\\\/2021\\\/01\\\/Pediatric-Centre-Sant-Joan-Deu-20.jpg&quot;},{&quot;src&quot;:&quot;https:\\\/\\\/www.garciafaura.com\\\/wp-content\\\/uploads\\\/2021\\\/01\\\/Pediatric-Centre-Sant-Joan-Deu-19.jpg&quot;},{&quot;src&quot;:&quot;https:\\\/\\\/www.garciafaura.com\\\/wp-content\\\/uploads\\\/2021\\\/01\\\/Pediatric-Centre-Sant-Joan-Deu-18.jpg&quot;},{&quot;src&quot;:&quot;https:\\\/\\\/www.garciafaura.com\\\/wp-content\\\/uploads\\\/2021\\\/01\\\/Pediatric-Centre-Sant-Joan-Deu-17.jpg&quot;},{&quot;src&quot;:&quot;https:\\\/\\\/www.garciafaura.com\\\/wp-content\\\/uploads\\\/2021\\\/01\\\/Pediatric-Centre-Sant-Joan-Deu-16.jpg&quot;},{&quot;src&quot;:&quot;https:\\\/\\\/www.garciafaura.com\\\/wp-content\\\/uploads\\\/2021\\\/01\\\/Pediatric-Centre-Sant-Joan-Deu-15.jpg&quot;},{&quot;src&quot;:&quot;https:\\\/\\\/www.garciafaura.com\\\/wp-content\\\/uploads\\\/2021\\\/01\\\/Pediatric-Centre-Sant-Joan-Deu-14.jpg&quot;},{&quot;src&quot;:&quot;https:\\\/\\\/www.garciafaura.com\\\/wp-content\\\/uploads\\\/2021\\\/01\\\/Pediatric-Centre-Sant-Joan-Deu-13.jpg&quot;},{&quot;src&quot;:&quot;https:\\\/\\\/www.garciafaura.com\\\/wp-content\\\/uploads\\\/2021\\\/01\\\/Pediatric-Centre-Sant-Joan-Deu-12.jpg&quot;},{&quot;src&quot;:&quot;https:\\\/\\\/www.garciafaura.com\\\/wp-content\\\/uploads\\\/2021\\\/01\\\/Pediatric-Centre-Sant-Joan-Deu-11.jpg&quot;},{&quot;src&quot;:&quot;https:\\\/\\\/www.garciafaura.com\\\/wp-content\\\/uploads\\\/2021\\\/01\\\/Pediatric-Centre-Sant-Joan-Deu-10.jpg&quot;},{&quot;src&quot;:&quot;https:\\\/\\\/www.garciafaura.com\\\/wp-content\\\/uploads\\\/2021\\\/01\\\/Pediatric-Centre-Sant-Joan-Deu-09.jpg&quot;},{&quot;src&quot;:&quot;https:\\\/\\\/www.garciafaura.com\\\/wp-content\\\/uploads\\\/2021\\\/01\\\/Pediatric-Centre-Sant-Joan-Deu-08.jpg&quot;},{&quot;src&quot;:&quot;https:\\\/\\\/www.garciafaura.com\\\/wp-content\\\/uploads\\\/2021\\\/01\\\/Pediatric-Centre-Sant-Joan-Deu-07.jpg&quot;},{&quot;src&quot;:&quot;https:\\\/\\\/www.garciafaura.com\\\/wp-content\\\/uploads\\\/2021\\\/01\\\/Pediatric-Centre-Sant-Joan-Deu-06.jpg&quot;},{&quot;src&quot;:&quot;https:\\\/\\\/www.garciafaura.com\\\/wp-content\\\/uploads\\\/2021\\\/01\\\/Pediatric-Centre-Sant-Joan-Deu-05.jpg&quot;},{&quot;src&quot;:&quot;https:\\\/\\\/www.garciafaura.com\\\/wp-content\\\/uploads\\\/2021\\\/01\\\/Pediatric-Centre-Sant-Joan-Deu-04.jpg&quot;},{&quot;src&quot;:&quot;https:\\\/\\\/www.garciafaura.com\\\/wp-content\\\/uploads\\\/2021\\\/01\\\/Pediatric-Centre-Sant-Joan-Deu-03.jpg&quot;},{&quot;src&quot;:&quot;https:\\\/\\\/www.garciafaura.com\\\/wp-content\\\/uploads\\\/2021\\\/01\\\/Pediatric-Centre-Sant-Joan-Deu-02.jpg&quot;},{&quot;src&quot;:&quot;https:\\\/\\\/www.garciafaura.com\\\/wp-content\\\/uploads\\\/2021\\\/01\\\/Pediatric-Centre-Sant-Joan-Deu-01.jpg&quot;}]\"><img loading=\"lazy\" decoding=\"async\" data-no-lazy=\"1\" class=\"portfolio-entry-img skip-lazy\" src=\"https:\/\/www.garciafaura.com\/wp-content\/uploads\/2021\/01\/Pediatric-Centre-Sant-Joan-Deu-42-600x314.jpg\" alt='' data-no-retina width=\"600\" height=\"314\" \/><\/a><\/div><div class=\"portfolio-entry-details entry-details wpex-clr\"><h2 class=\"portfolio-entry-title entry-title\"><a href=\"https:\/\/www.garciafaura.com\/fr\/portfolio-item\/hospital-sjd-pediatric-cancer-center-de-barcelona\/\" title=\"H\u00f4pital SJD Pediatric Cancer Center BCN\">H\u00f4pital SJD Pediatric Cancer Center BCN<\/a><\/h2><div class=\"portfolio-entry-categories entry-categories wpex-clr\"><a href=\"https:\/\/www.garciafaura.com\/fr\/portfolio-category\/batiments-de-services\/\" class=\"term-75\">B\u00e2timents de Services<\/a><\/div><\/div><\/div><\/div><div class=\"portfolio-entry vcex-grid-item entry-has-details span_1_of_3 col col-3 vcex-isotope-entry vcex-no-margin-entry post-26266 entry type-portfolio has-media cat-75 translation_priority-5\"><div class=\"portfolio-entry-inner entry-inner wpex-clr\"><div class=\"portfolio-entry-media entry-media wpex-clr\"><a href=\"https:\/\/www.garciafaura.com\/wp-content\/uploads\/2021\/01\/Ampliacio-Hospital-Viladecans-05.jpg\" title=\"Elargissement H\u00f4pital de Viladecans\" class=\"portfolio-entry-media-link wpex-lightbox-gallery\" data-gallery=\"[{&quot;src&quot;:&quot;https:\\\/\\\/www.garciafaura.com\\\/wp-content\\\/uploads\\\/2021\\\/01\\\/Ampliacio-Hospital-Viladecans-05.jpg&quot;},{&quot;src&quot;:&quot;https:\\\/\\\/www.garciafaura.com\\\/wp-content\\\/uploads\\\/2021\\\/01\\\/Ampliacio-Hospital-Viladecans-15.jpg&quot;},{&quot;src&quot;:&quot;https:\\\/\\\/www.garciafaura.com\\\/wp-content\\\/uploads\\\/2021\\\/01\\\/Ampliacio-Hospital-Viladecans-14.jpg&quot;},{&quot;src&quot;:&quot;https:\\\/\\\/www.garciafaura.com\\\/wp-content\\\/uploads\\\/2021\\\/01\\\/Ampliacio-Hospital-Viladecans-13.jpg&quot;},{&quot;src&quot;:&quot;https:\\\/\\\/www.garciafaura.com\\\/wp-content\\\/uploads\\\/2021\\\/01\\\/Ampliacio-Hospital-Viladecans-12.jpg&quot;},{&quot;src&quot;:&quot;https:\\\/\\\/www.garciafaura.com\\\/wp-content\\\/uploads\\\/2021\\\/01\\\/Ampliacio-Hospital-Viladecans-11.jpg&quot;},{&quot;src&quot;:&quot;https:\\\/\\\/www.garciafaura.com\\\/wp-content\\\/uploads\\\/2021\\\/01\\\/Ampliacio-Hospital-Viladecans-10.jpg&quot;},{&quot;src&quot;:&quot;https:\\\/\\\/www.garciafaura.com\\\/wp-content\\\/uploads\\\/2021\\\/01\\\/Ampliacio-Hospital-Viladecans-09.jpg&quot;},{&quot;src&quot;:&quot;https:\\\/\\\/www.garciafaura.com\\\/wp-content\\\/uploads\\\/2021\\\/01\\\/Ampliacio-Hospital-Viladecans-08.jpg&quot;},{&quot;src&quot;:&quot;https:\\\/\\\/www.garciafaura.com\\\/wp-content\\\/uploads\\\/2021\\\/01\\\/Ampliacio-Hospital-Viladecans-07.jpg&quot;},{&quot;src&quot;:&quot;https:\\\/\\\/www.garciafaura.com\\\/wp-content\\\/uploads\\\/2021\\\/01\\\/Ampliacio-Hospital-Viladecans-06.jpg&quot;},{&quot;src&quot;:&quot;https:\\\/\\\/www.garciafaura.com\\\/wp-content\\\/uploads\\\/2021\\\/01\\\/Ampliacio-Hospital-Viladecans-04.jpg&quot;},{&quot;src&quot;:&quot;https:\\\/\\\/www.garciafaura.com\\\/wp-content\\\/uploads\\\/2021\\\/01\\\/Ampliacio-Hospital-Viladecans-03.jpg&quot;},{&quot;src&quot;:&quot;https:\\\/\\\/www.garciafaura.com\\\/wp-content\\\/uploads\\\/2021\\\/01\\\/Ampliacio-Hospital-Viladecans-02.jpg&quot;},{&quot;src&quot;:&quot;https:\\\/\\\/www.garciafaura.com\\\/wp-content\\\/uploads\\\/2021\\\/01\\\/Ampliacio-Hospital-Viladecans-01.jpg&quot;}]\"><img loading=\"lazy\" decoding=\"async\" data-no-lazy=\"1\" class=\"portfolio-entry-img skip-lazy\" src=\"https:\/\/www.garciafaura.com\/wp-content\/uploads\/2021\/01\/Ampliacio-Hospital-Viladecans-05-600x314.jpg\" alt='' data-no-retina width=\"600\" height=\"314\" \/><\/a><\/div><div class=\"portfolio-entry-details entry-details wpex-clr\"><h2 class=\"portfolio-entry-title entry-title\"><a href=\"https:\/\/www.garciafaura.com\/fr\/portfolio-item\/ampliacion-hospital-de-viladecans\/\" title=\"Elargissement H\u00f4pital de Viladecans\">Elargissement H\u00f4pital de Viladecans<\/a><\/h2><div class=\"portfolio-entry-categories entry-categories wpex-clr\"><a href=\"https:\/\/www.garciafaura.com\/fr\/portfolio-category\/batiments-de-services\/\" class=\"term-75\">B\u00e2timents de Services<\/a><\/div><\/div><\/div><\/div><div class=\"portfolio-entry vcex-grid-item entry-has-details span_1_of_3 col col-1 vcex-isotope-entry vcex-no-margin-entry post-23908 entry type-portfolio has-media cat-75 cat-90 translation_priority-5\"><div class=\"portfolio-entry-inner entry-inner wpex-clr\"><div class=\"portfolio-entry-media entry-media wpex-clr\"><a href=\"https:\/\/www.garciafaura.com\/wp-content\/uploads\/2019\/10\/Ins-Marti-Pons-01.jpg\" title=\"Lyc\u00e9e Mart\u00ed Pous\" class=\"portfolio-entry-media-link wpex-lightbox-gallery\" data-gallery=\"[{&quot;src&quot;:&quot;https:\\\/\\\/www.garciafaura.com\\\/wp-content\\\/uploads\\\/2019\\\/10\\\/Ins-Marti-Pons-01.jpg&quot;,&quot;title&quot;:&quot;R\\u00e9habilitation d&#039;un ancien b\\u00e2timent industriel en vue de le transformer en un nouveau b\\u00e2timent \\u00e9ducatif dans l&#039;ensemble de l&#039;ancienne usine Fabra i Coats du quartier de Sant Andreu \\u00e0 Barcelone.&quot;},{&quot;src&quot;:&quot;https:\\\/\\\/www.garciafaura.com\\\/wp-content\\\/uploads\\\/2019\\\/10\\\/Ins-Marti-Pons-13.jpg&quot;,&quot;title&quot;:&quot;R\\u00e9habilitation d&#039;un ancien b\\u00e2timent industriel en vue de le transformer en un nouveau b\\u00e2timent \\u00e9ducatif dans l&#039;ensemble de l&#039;ancienne usine Fabra i Coats du quartier de Sant Andreu \\u00e0 Barcelone.&quot;},{&quot;src&quot;:&quot;https:\\\/\\\/www.garciafaura.com\\\/wp-content\\\/uploads\\\/2019\\\/10\\\/Ins-Marti-Pons-12.jpg&quot;,&quot;title&quot;:&quot;R\\u00e9habilitation d&#039;un ancien b\\u00e2timent industriel en vue de le transformer en un nouveau b\\u00e2timent \\u00e9ducatif dans l&#039;ensemble de l&#039;ancienne usine Fabra i Coats du quartier de Sant Andreu \\u00e0 Barcelone.&quot;},{&quot;src&quot;:&quot;https:\\\/\\\/www.garciafaura.com\\\/wp-content\\\/uploads\\\/2019\\\/10\\\/Ins-Marti-Pons-11.jpg&quot;,&quot;title&quot;:&quot;R\\u00e9habilitation d&#039;un ancien b\\u00e2timent industriel en vue de le transformer en un nouveau b\\u00e2timent \\u00e9ducatif dans l&#039;ensemble de l&#039;ancienne usine Fabra i Coats du quartier de Sant Andreu \\u00e0 Barcelone.&quot;},{&quot;src&quot;:&quot;https:\\\/\\\/www.garciafaura.com\\\/wp-content\\\/uploads\\\/2019\\\/10\\\/Ins-Marti-Pons-10.jpg&quot;,&quot;title&quot;:&quot;R\\u00e9habilitation d&#039;un ancien b\\u00e2timent industriel en vue de le transformer en un nouveau b\\u00e2timent \\u00e9ducatif dans l&#039;ensemble de l&#039;ancienne usine Fabra i Coats du quartier de Sant Andreu \\u00e0 Barcelone.&quot;},{&quot;src&quot;:&quot;https:\\\/\\\/www.garciafaura.com\\\/wp-content\\\/uploads\\\/2019\\\/10\\\/Ins-Marti-Pons-09.jpg&quot;,&quot;title&quot;:&quot;R\\u00e9habilitation d&#039;un ancien b\\u00e2timent industriel en vue de le transformer en un nouveau b\\u00e2timent \\u00e9ducatif dans l&#039;ensemble de l&#039;ancienne usine Fabra i Coats du quartier de Sant Andreu \\u00e0 Barcelone.&quot;},{&quot;src&quot;:&quot;https:\\\/\\\/www.garciafaura.com\\\/wp-content\\\/uploads\\\/2019\\\/10\\\/Ins-Marti-Pons-08.jpg&quot;,&quot;title&quot;:&quot;R\\u00e9habilitation d&#039;un ancien b\\u00e2timent industriel en vue de le transformer en un nouveau b\\u00e2timent \\u00e9ducatif dans l&#039;ensemble de l&#039;ancienne usine Fabra i Coats du quartier de Sant Andreu \\u00e0 Barcelone.&quot;},{&quot;src&quot;:&quot;https:\\\/\\\/www.garciafaura.com\\\/wp-content\\\/uploads\\\/2019\\\/10\\\/Ins-Marti-Pons-07.jpg&quot;,&quot;title&quot;:&quot;R\\u00e9habilitation d&#039;un ancien b\\u00e2timent industriel en vue de le transformer en un nouveau b\\u00e2timent \\u00e9ducatif dans l&#039;ensemble de l&#039;ancienne usine Fabra i Coats du quartier de Sant Andreu \\u00e0 Barcelone.&quot;},{&quot;src&quot;:&quot;https:\\\/\\\/www.garciafaura.com\\\/wp-content\\\/uploads\\\/2019\\\/10\\\/Ins-Marti-Pons-06.jpg&quot;,&quot;title&quot;:&quot;R\\u00e9habilitation d&#039;un ancien b\\u00e2timent industriel en vue de le transformer en un nouveau b\\u00e2timent \\u00e9ducatif dans l&#039;ensemble de l&#039;ancienne usine Fabra i Coats du quartier de Sant Andreu \\u00e0 Barcelone.&quot;},{&quot;src&quot;:&quot;https:\\\/\\\/www.garciafaura.com\\\/wp-content\\\/uploads\\\/2019\\\/10\\\/Ins-Marti-Pons-05.jpg&quot;,&quot;title&quot;:&quot;R\\u00e9habilitation d&#039;un ancien b\\u00e2timent industriel en vue de le transformer en un nouveau b\\u00e2timent \\u00e9ducatif dans l&#039;ensemble de l&#039;ancienne usine Fabra i Coats du quartier de Sant Andreu \\u00e0 Barcelone.&quot;},{&quot;src&quot;:&quot;https:\\\/\\\/www.garciafaura.com\\\/wp-content\\\/uploads\\\/2019\\\/10\\\/Ins-Marti-Pons-04.jpg&quot;,&quot;title&quot;:&quot;R\\u00e9habilitation d&#039;un ancien b\\u00e2timent industriel en vue de le transformer en un nouveau b\\u00e2timent \\u00e9ducatif dans l&#039;ensemble de l&#039;ancienne usine Fabra i Coats du quartier de Sant Andreu \\u00e0 Barcelone.&quot;},{&quot;src&quot;:&quot;https:\\\/\\\/www.garciafaura.com\\\/wp-content\\\/uploads\\\/2019\\\/10\\\/Ins-Marti-Pons-03.jpg&quot;,&quot;title&quot;:&quot;R\\u00e9habilitation d&#039;un ancien b\\u00e2timent industriel en vue de le transformer en un nouveau b\\u00e2timent \\u00e9ducatif dans l&#039;ensemble de l&#039;ancienne usine Fabra i Coats du quartier de Sant Andreu \\u00e0 Barcelone.&quot;},{&quot;src&quot;:&quot;https:\\\/\\\/www.garciafaura.com\\\/wp-content\\\/uploads\\\/2019\\\/10\\\/Ins-Marti-Pons-02.jpg&quot;,&quot;title&quot;:&quot;R\\u00e9habilitation d&#039;un ancien b\\u00e2timent industriel en vue de le transformer en un nouveau b\\u00e2timent \\u00e9ducatif dans l&#039;ensemble de l&#039;ancienne usine Fabra i Coats du quartier de Sant Andreu \\u00e0 Barcelone.&quot;}]\"><img loading=\"lazy\" decoding=\"async\" data-no-lazy=\"1\" class=\"portfolio-entry-img skip-lazy\" src=\"https:\/\/www.garciafaura.com\/wp-content\/uploads\/2019\/10\/Ins-Marti-Pons-01-600x314.jpg\" alt=\"R\u00e9habilitation D'un Ancien B\u00e2timent Industriel En Vue De Le Transformer En Un Nouveau B\u00e2timent \u00e9ducatif Dans L'ensemble De L'ancienne Usine Fabra I Coats Du Quartier De Sant Andreu \u00e0 Barcelone.\" data-no-retina width=\"600\" height=\"314\" \/><\/a><\/div><div class=\"portfolio-entry-details entry-details wpex-clr\"><h2 class=\"portfolio-entry-title entry-title\"><a href=\"https:\/\/www.garciafaura.com\/fr\/portfolio-item\/lycee-marti-pous\/\" title=\"Lyc\u00e9e Mart\u00ed Pous\">Lyc\u00e9e Mart\u00ed Pous<\/a><\/h2><div class=\"portfolio-entry-categories entry-categories wpex-clr\"><a href=\"https:\/\/www.garciafaura.com\/fr\/portfolio-category\/batiments-de-services\/\" class=\"term-75\">B\u00e2timents de Services<\/a><\/div><\/div><\/div><\/div><div class=\"portfolio-entry vcex-grid-item entry-has-details span_1_of_3 col col-2 vcex-isotope-entry vcex-no-margin-entry post-22979 entry type-portfolio has-media cat-75 translation_priority-5\"><div class=\"portfolio-entry-inner entry-inner wpex-clr\"><div class=\"portfolio-entry-media entry-media wpex-clr\"><a href=\"https:\/\/www.garciafaura.com\/wp-content\/uploads\/2019\/09\/Residencia-estudiants-Garbi-01.jpg\" title=\"R\u00e9sidence d&rsquo;\u00e9tudiants Garb\u00ed\" class=\"portfolio-entry-media-link wpex-lightbox-gallery\" data-gallery=\"[{&quot;src&quot;:&quot;https:\\\/\\\/www.garciafaura.com\\\/wp-content\\\/uploads\\\/2019\\\/09\\\/Residencia-estudiants-Garbi-01.jpg&quot;,&quot;title&quot;:&quot;Aluminum and glass enclosures for building intended for student residence in Barcelona&quot;},{&quot;src&quot;:&quot;https:\\\/\\\/www.garciafaura.com\\\/wp-content\\\/uploads\\\/2019\\\/09\\\/Residencia-estudiants-Garbi-12.jpg&quot;,&quot;title&quot;:&quot;Rancaments d&#039;alumini i vidrieria per a edifici destinat a resid\\u00e8ncia d&#039;estudiants a Barcelona&quot;},{&quot;src&quot;:&quot;https:\\\/\\\/www.garciafaura.com\\\/wp-content\\\/uploads\\\/2019\\\/09\\\/Residencia-estudiants-Garbi-11.jpg&quot;,&quot;title&quot;:&quot;Rancaments d&#039;alumini i vidrieria per a edifici destinat a resid\\u00e8ncia d&#039;estudiants a Barcelona&quot;},{&quot;src&quot;:&quot;https:\\\/\\\/www.garciafaura.com\\\/wp-content\\\/uploads\\\/2019\\\/09\\\/Residencia-estudiants-Garbi-10.jpg&quot;,&quot;title&quot;:&quot;Rancaments d&#039;alumini i vidrieria per a edifici destinat a resid\\u00e8ncia d&#039;estudiants a Barcelona&quot;},{&quot;src&quot;:&quot;https:\\\/\\\/www.garciafaura.com\\\/wp-content\\\/uploads\\\/2019\\\/09\\\/Residencia-estudiants-Garbi-09.jpg&quot;,&quot;title&quot;:&quot;Rancaments d&#039;alumini i vidrieria per a edifici destinat a resid\\u00e8ncia d&#039;estudiants a Barcelona&quot;},{&quot;src&quot;:&quot;https:\\\/\\\/www.garciafaura.com\\\/wp-content\\\/uploads\\\/2019\\\/09\\\/Residencia-estudiants-Garbi-08.jpg&quot;,&quot;title&quot;:&quot;Rancaments d&#039;alumini i vidrieria per a edifici destinat a resid\\u00e8ncia d&#039;estudiants a Barcelona&quot;},{&quot;src&quot;:&quot;https:\\\/\\\/www.garciafaura.com\\\/wp-content\\\/uploads\\\/2019\\\/09\\\/Residencia-estudiants-Garbi-07.jpg&quot;,&quot;title&quot;:&quot;Rancaments d&#039;alumini i vidrieria per a edifici destinat a resid\\u00e8ncia d&#039;estudiants a Barcelona&quot;},{&quot;src&quot;:&quot;https:\\\/\\\/www.garciafaura.com\\\/wp-content\\\/uploads\\\/2019\\\/09\\\/Residencia-estudiants-Garbi-06.jpg&quot;,&quot;title&quot;:&quot;Rancaments d&#039;alumini i vidrieria per a edifici destinat a resid\\u00e8ncia d&#039;estudiants a Barcelona&quot;},{&quot;src&quot;:&quot;https:\\\/\\\/www.garciafaura.com\\\/wp-content\\\/uploads\\\/2019\\\/09\\\/Residencia-estudiants-Garbi-05.jpg&quot;,&quot;title&quot;:&quot;Rancaments d&#039;alumini i vidrieria per a edifici destinat a resid\\u00e8ncia d&#039;estudiants a Barcelona&quot;},{&quot;src&quot;:&quot;https:\\\/\\\/www.garciafaura.com\\\/wp-content\\\/uploads\\\/2019\\\/09\\\/Residencia-estudiants-Garbi-04.jpg&quot;,&quot;title&quot;:&quot;Rancaments d&#039;alumini i vidrieria per a edifici destinat a resid\\u00e8ncia d&#039;estudiants a Barcelona&quot;},{&quot;src&quot;:&quot;https:\\\/\\\/www.garciafaura.com\\\/wp-content\\\/uploads\\\/2019\\\/09\\\/Residencia-estudiants-Garbi-03.jpg&quot;,&quot;title&quot;:&quot;Rancaments d&#039;alumini i vidrieria per a edifici destinat a resid\\u00e8ncia d&#039;estudiants a Barcelona&quot;},{&quot;src&quot;:&quot;https:\\\/\\\/www.garciafaura.com\\\/wp-content\\\/uploads\\\/2019\\\/09\\\/Residencia-estudiants-Garbi-02.jpg&quot;,&quot;title&quot;:&quot;Rancaments d&#039;alumini i vidrieria per a edifici destinat a resid\\u00e8ncia d&#039;estudiants a Barcelona&quot;}]\"><img loading=\"lazy\" decoding=\"async\" data-no-lazy=\"1\" class=\"portfolio-entry-img skip-lazy\" src=\"https:\/\/www.garciafaura.com\/wp-content\/uploads\/2019\/09\/Residencia-estudiants-Garbi-01-600x314.jpg\" alt=\"Aluminum And Glass Enclosures For Building Intended For Student Residence In Barcelona\" data-no-retina width=\"600\" height=\"314\" \/><\/a><\/div><div class=\"portfolio-entry-details entry-details wpex-clr\"><h2 class=\"portfolio-entry-title entry-title\"><a href=\"https:\/\/www.garciafaura.com\/fr\/portfolio-item\/garbi-students-resident\/\" title=\"R\u00e9sidence d&rsquo;\u00e9tudiants Garb\u00ed\">R\u00e9sidence d&rsquo;\u00e9tudiants Garb\u00ed<\/a><\/h2><div class=\"portfolio-entry-categories entry-categories wpex-clr\"><a href=\"https:\/\/www.garciafaura.com\/fr\/portfolio-category\/batiments-de-services\/\" class=\"term-75\">B\u00e2timents de Services<\/a><\/div><\/div><\/div><\/div><div class=\"portfolio-entry vcex-grid-item entry-has-details span_1_of_3 col col-3 vcex-isotope-entry vcex-no-margin-entry post-22872 entry type-portfolio has-media cat-75 cat-93 translation_priority-5\"><div class=\"portfolio-entry-inner entry-inner wpex-clr\"><div class=\"portfolio-entry-media entry-media wpex-clr\"><a href=\"https:\/\/www.garciafaura.com\/wp-content\/uploads\/2019\/09\/Poliesportiu-Turo-Peira-01.jpg\" title=\"Centre Sportif Tur\u00f3 de la Peira\" class=\"portfolio-entry-media-link wpex-lightbox-gallery\" data-gallery=\"[{&quot;src&quot;:&quot;https:\\\/\\\/www.garciafaura.com\\\/wp-content\\\/uploads\\\/2019\\\/09\\\/Poliesportiu-Turo-Peira-01.jpg&quot;,&quot;title&quot;:&quot;D\\u00e9veloppement de fa\\u00e7ades et de fermetures m\\u00e9talliques pour ce nouvel \\u00e9quipement sportif de Barcelone, qui int\\u00e8gre de nombreux \\u00e9l\\u00e9ments qui favorisent leur efficacit\\u00e9 \\u00e9nerg\\u00e9tique&quot;},{&quot;src&quot;:&quot;https:\\\/\\\/www.garciafaura.com\\\/wp-content\\\/uploads\\\/2019\\\/09\\\/Poliesportiu-Turo-Peira-12.jpg&quot;,&quot;title&quot;:&quot;D\\u00e9veloppement de fa\\u00e7ades et de fermetures m\\u00e9talliques pour ce nouvel \\u00e9quipement sportif de Barcelone, qui int\\u00e8gre de nombreux \\u00e9l\\u00e9ments qui favorisent leur efficacit\\u00e9 \\u00e9nerg\\u00e9tique&quot;},{&quot;src&quot;:&quot;https:\\\/\\\/www.garciafaura.com\\\/wp-content\\\/uploads\\\/2019\\\/09\\\/Poliesportiu-Turo-Peira-11.jpg&quot;,&quot;title&quot;:&quot;D\\u00e9veloppement de fa\\u00e7ades et de fermetures m\\u00e9talliques pour ce nouvel \\u00e9quipement sportif de Barcelone, qui int\\u00e8gre de nombreux \\u00e9l\\u00e9ments qui favorisent leur efficacit\\u00e9 \\u00e9nerg\\u00e9tique&quot;},{&quot;src&quot;:&quot;https:\\\/\\\/www.garciafaura.com\\\/wp-content\\\/uploads\\\/2019\\\/09\\\/Poliesportiu-Turo-Peira-10.jpg&quot;,&quot;title&quot;:&quot;D\\u00e9veloppement de fa\\u00e7ades et de fermetures m\\u00e9talliques pour ce nouvel \\u00e9quipement sportif de Barcelone, qui int\\u00e8gre de nombreux \\u00e9l\\u00e9ments qui favorisent leur efficacit\\u00e9 \\u00e9nerg\\u00e9tique&quot;},{&quot;src&quot;:&quot;https:\\\/\\\/www.garciafaura.com\\\/wp-content\\\/uploads\\\/2019\\\/09\\\/Poliesportiu-Turo-Peira-09.jpg&quot;,&quot;title&quot;:&quot;D\\u00e9veloppement de fa\\u00e7ades et de fermetures m\\u00e9talliques pour ce nouvel \\u00e9quipement sportif de Barcelone, qui int\\u00e8gre de nombreux \\u00e9l\\u00e9ments qui favorisent leur efficacit\\u00e9 \\u00e9nerg\\u00e9tique&quot;},{&quot;src&quot;:&quot;https:\\\/\\\/www.garciafaura.com\\\/wp-content\\\/uploads\\\/2019\\\/09\\\/Poliesportiu-Turo-Peira-08.jpg&quot;,&quot;title&quot;:&quot;D\\u00e9veloppement de fa\\u00e7ades et de fermetures m\\u00e9talliques pour ce nouvel \\u00e9quipement sportif de Barcelone, qui int\\u00e8gre de nombreux \\u00e9l\\u00e9ments qui favorisent leur efficacit\\u00e9 \\u00e9nerg\\u00e9tique&quot;},{&quot;src&quot;:&quot;https:\\\/\\\/www.garciafaura.com\\\/wp-content\\\/uploads\\\/2019\\\/09\\\/Poliesportiu-Turo-Peira-07.jpg&quot;,&quot;title&quot;:&quot;D\\u00e9veloppement de fa\\u00e7ades et de fermetures m\\u00e9talliques pour ce nouvel \\u00e9quipement sportif de Barcelone, qui int\\u00e8gre de nombreux \\u00e9l\\u00e9ments qui favorisent leur efficacit\\u00e9 \\u00e9nerg\\u00e9tique&quot;},{&quot;src&quot;:&quot;https:\\\/\\\/www.garciafaura.com\\\/wp-content\\\/uploads\\\/2019\\\/09\\\/Poliesportiu-Turo-Peira-06.jpg&quot;,&quot;title&quot;:&quot;D\\u00e9veloppement de fa\\u00e7ades et de fermetures m\\u00e9talliques pour ce nouvel \\u00e9quipement sportif de Barcelone, qui int\\u00e8gre de nombreux \\u00e9l\\u00e9ments qui favorisent leur efficacit\\u00e9 \\u00e9nerg\\u00e9tique&quot;},{&quot;src&quot;:&quot;https:\\\/\\\/www.garciafaura.com\\\/wp-content\\\/uploads\\\/2019\\\/09\\\/Poliesportiu-Turo-Peira-05.jpg&quot;,&quot;title&quot;:&quot;D\\u00e9veloppement de fa\\u00e7ades et de fermetures m\\u00e9talliques pour ce nouvel \\u00e9quipement sportif de Barcelone, qui int\\u00e8gre de nombreux \\u00e9l\\u00e9ments qui favorisent leur efficacit\\u00e9 \\u00e9nerg\\u00e9tique&quot;},{&quot;src&quot;:&quot;https:\\\/\\\/www.garciafaura.com\\\/wp-content\\\/uploads\\\/2019\\\/09\\\/Poliesportiu-Turo-Peira-04.jpg&quot;,&quot;title&quot;:&quot;D\\u00e9veloppement de fa\\u00e7ades et de fermetures m\\u00e9talliques pour ce nouvel \\u00e9quipement sportif de Barcelone, qui int\\u00e8gre de nombreux \\u00e9l\\u00e9ments qui favorisent leur efficacit\\u00e9 \\u00e9nerg\\u00e9tique&quot;},{&quot;src&quot;:&quot;https:\\\/\\\/www.garciafaura.com\\\/wp-content\\\/uploads\\\/2019\\\/09\\\/Poliesportiu-Turo-Peira-03.jpg&quot;,&quot;title&quot;:&quot;D\\u00e9veloppement de fa\\u00e7ades et de fermetures m\\u00e9talliques pour ce nouvel \\u00e9quipement sportif de Barcelone, qui int\\u00e8gre de nombreux \\u00e9l\\u00e9ments qui favorisent leur efficacit\\u00e9 \\u00e9nerg\\u00e9tique&quot;},{&quot;src&quot;:&quot;https:\\\/\\\/www.garciafaura.com\\\/wp-content\\\/uploads\\\/2019\\\/09\\\/Poliesportiu-Turo-Peira-02.jpg&quot;,&quot;title&quot;:&quot;D\\u00e9veloppement de fa\\u00e7ades et de fermetures m\\u00e9talliques pour ce nouvel \\u00e9quipement sportif de Barcelone, qui int\\u00e8gre de nombreux \\u00e9l\\u00e9ments qui favorisent leur efficacit\\u00e9 \\u00e9nerg\\u00e9tique&quot;}]\"><img loading=\"lazy\" decoding=\"async\" data-no-lazy=\"1\" class=\"portfolio-entry-img skip-lazy\" src=\"https:\/\/www.garciafaura.com\/wp-content\/uploads\/2019\/09\/Poliesportiu-Turo-Peira-01-600x314.jpg\" alt=\"D\u00e9veloppement De Fa\u00e7ades Et De Fermetures M\u00e9talliques Pour Ce Nouvel \u00e9quipement Sportif De Barcelone, Qui Int\u00e8gre De Nombreux \u00e9l\u00e9ments Qui Favorisent Leur Efficacit\u00e9 \u00e9nerg\u00e9tique\" data-no-retina width=\"600\" height=\"314\" \/><\/a><\/div><div class=\"portfolio-entry-details entry-details wpex-clr\"><h2 class=\"portfolio-entry-title entry-title\"><a href=\"https:\/\/www.garciafaura.com\/fr\/portfolio-item\/centre-sportif-turo-de-la-peira\/\" title=\"Centre Sportif Tur\u00f3 de la Peira\">Centre Sportif Tur\u00f3 de la Peira<\/a><\/h2><div class=\"portfolio-entry-categories entry-categories wpex-clr\"><a href=\"https:\/\/www.garciafaura.com\/fr\/portfolio-category\/batiments-de-services\/\" class=\"term-75\">B\u00e2timents de Services<\/a><\/div><\/div><\/div><\/div><div class=\"portfolio-entry vcex-grid-item entry-has-details span_1_of_3 col col-1 vcex-isotope-entry vcex-no-margin-entry post-20736 entry type-portfolio has-media cat-75 translation_priority-5\"><div class=\"portfolio-entry-inner entry-inner wpex-clr\"><div class=\"portfolio-entry-media entry-media wpex-clr\"><a href=\"https:\/\/www.garciafaura.com\/wp-content\/uploads\/2018\/10\/Escola-La-Benaula-03.jpg\" title=\"\u00c9cole La Benaula\" class=\"portfolio-entry-media-link wpex-lightbox-gallery\" data-gallery=\"[{&quot;src&quot;:&quot;https:\\\/\\\/www.garciafaura.com\\\/wp-content\\\/uploads\\\/2018\\\/10\\\/Escola-La-Benaula-03.jpg&quot;,&quot;title&quot;:&quot;Fermetures pour nouvelle \\u00e9cole \\u00e0 Caldes de Malavella&quot;},{&quot;src&quot;:&quot;https:\\\/\\\/www.garciafaura.com\\\/wp-content\\\/uploads\\\/2018\\\/10\\\/Escola-La-Benaula-30.jpg&quot;,&quot;title&quot;:&quot;Tancaments per a la nova escola de Caldes de Malavella&quot;},{&quot;src&quot;:&quot;https:\\\/\\\/www.garciafaura.com\\\/wp-content\\\/uploads\\\/2018\\\/10\\\/Escola-La-Benaula-29.jpg&quot;,&quot;title&quot;:&quot;Tancaments per a la nova escola de Caldes de Malavella&quot;},{&quot;src&quot;:&quot;https:\\\/\\\/www.garciafaura.com\\\/wp-content\\\/uploads\\\/2018\\\/10\\\/Escola-La-Benaula-28.jpg&quot;,&quot;title&quot;:&quot;Tancaments per a la nova escola de Caldes de Malavella&quot;},{&quot;src&quot;:&quot;https:\\\/\\\/www.garciafaura.com\\\/wp-content\\\/uploads\\\/2018\\\/10\\\/Escola-La-Benaula-27.jpg&quot;,&quot;title&quot;:&quot;Tancaments per a la nova escola de Caldes de Malavella&quot;},{&quot;src&quot;:&quot;https:\\\/\\\/www.garciafaura.com\\\/wp-content\\\/uploads\\\/2018\\\/10\\\/Escola-La-Benaula-26.jpg&quot;,&quot;title&quot;:&quot;Tancaments per a la nova escola de Caldes de Malavella&quot;},{&quot;src&quot;:&quot;https:\\\/\\\/www.garciafaura.com\\\/wp-content\\\/uploads\\\/2018\\\/10\\\/Escola-La-Benaula-25.jpg&quot;,&quot;title&quot;:&quot;Tancaments per a la nova escola de Caldes de Malavella&quot;},{&quot;src&quot;:&quot;https:\\\/\\\/www.garciafaura.com\\\/wp-content\\\/uploads\\\/2018\\\/10\\\/Escola-La-Benaula-24.jpg&quot;,&quot;title&quot;:&quot;Tancaments per a la nova escola de Caldes de Malavella&quot;},{&quot;src&quot;:&quot;https:\\\/\\\/www.garciafaura.com\\\/wp-content\\\/uploads\\\/2018\\\/10\\\/Escola-La-Benaula-23.jpg&quot;,&quot;title&quot;:&quot;Tancaments per a la nova escola de Caldes de Malavella&quot;},{&quot;src&quot;:&quot;https:\\\/\\\/www.garciafaura.com\\\/wp-content\\\/uploads\\\/2018\\\/10\\\/Escola-La-Benaula-22.jpg&quot;,&quot;title&quot;:&quot;Tancaments per a la nova escola de Caldes de Malavella&quot;},{&quot;src&quot;:&quot;https:\\\/\\\/www.garciafaura.com\\\/wp-content\\\/uploads\\\/2018\\\/10\\\/Escola-La-Benaula-21.jpg&quot;,&quot;title&quot;:&quot;Tancaments per a la nova escola de Caldes de Malavella&quot;},{&quot;src&quot;:&quot;https:\\\/\\\/www.garciafaura.com\\\/wp-content\\\/uploads\\\/2018\\\/10\\\/Escola-La-Benaula-20.jpg&quot;,&quot;title&quot;:&quot;Tancaments per a la nova escola de Caldes de Malavella&quot;},{&quot;src&quot;:&quot;https:\\\/\\\/www.garciafaura.com\\\/wp-content\\\/uploads\\\/2018\\\/10\\\/Escola-La-Benaula-19.jpg&quot;,&quot;title&quot;:&quot;Tancaments per a la nova escola de Caldes de Malavella&quot;},{&quot;src&quot;:&quot;https:\\\/\\\/www.garciafaura.com\\\/wp-content\\\/uploads\\\/2018\\\/10\\\/Escola-La-Benaula-18.jpg&quot;,&quot;title&quot;:&quot;Tancaments per a la nova escola de Caldes de Malavella&quot;},{&quot;src&quot;:&quot;https:\\\/\\\/www.garciafaura.com\\\/wp-content\\\/uploads\\\/2018\\\/10\\\/Escola-La-Benaula-17.jpg&quot;,&quot;title&quot;:&quot;Tancaments per a la nova escola de Caldes de Malavella&quot;},{&quot;src&quot;:&quot;https:\\\/\\\/www.garciafaura.com\\\/wp-content\\\/uploads\\\/2018\\\/10\\\/Escola-La-Benaula-16.jpg&quot;,&quot;title&quot;:&quot;Tancaments per a la nova escola de Caldes de Malavella&quot;},{&quot;src&quot;:&quot;https:\\\/\\\/www.garciafaura.com\\\/wp-content\\\/uploads\\\/2018\\\/10\\\/Escola-La-Benaula-15.jpg&quot;,&quot;title&quot;:&quot;Tancaments per a la nova escola de Caldes de Malavella&quot;},{&quot;src&quot;:&quot;https:\\\/\\\/www.garciafaura.com\\\/wp-content\\\/uploads\\\/2018\\\/10\\\/Escola-La-Benaula-14.jpg&quot;,&quot;title&quot;:&quot;Tancaments per a la nova escola de Caldes de Malavella&quot;},{&quot;src&quot;:&quot;https:\\\/\\\/www.garciafaura.com\\\/wp-content\\\/uploads\\\/2018\\\/10\\\/Escola-La-Benaula-13.jpg&quot;,&quot;title&quot;:&quot;Tancaments per a la nova escola de Caldes de Malavella&quot;},{&quot;src&quot;:&quot;https:\\\/\\\/www.garciafaura.com\\\/wp-content\\\/uploads\\\/2018\\\/10\\\/Escola-La-Benaula-12.jpg&quot;,&quot;title&quot;:&quot;Tancaments per a la nova escola de Caldes de Malavella&quot;},{&quot;src&quot;:&quot;https:\\\/\\\/www.garciafaura.com\\\/wp-content\\\/uploads\\\/2018\\\/10\\\/Escola-La-Benaula-11.jpg&quot;,&quot;title&quot;:&quot;Tancaments per a la nova escola de Caldes de Malavella&quot;},{&quot;src&quot;:&quot;https:\\\/\\\/www.garciafaura.com\\\/wp-content\\\/uploads\\\/2018\\\/10\\\/Escola-La-Benaula-10.jpg&quot;,&quot;title&quot;:&quot;Tancaments per a la nova escola de Caldes de Malavella&quot;},{&quot;src&quot;:&quot;https:\\\/\\\/www.garciafaura.com\\\/wp-content\\\/uploads\\\/2018\\\/10\\\/Escola-La-Benaula-09.jpg&quot;,&quot;title&quot;:&quot;Tancaments per a la nova escola de Caldes de Malavella&quot;},{&quot;src&quot;:&quot;https:\\\/\\\/www.garciafaura.com\\\/wp-content\\\/uploads\\\/2018\\\/10\\\/Escola-La-Benaula-08.jpg&quot;,&quot;title&quot;:&quot;Tancaments per a la nova escola de Caldes de Malavella&quot;},{&quot;src&quot;:&quot;https:\\\/\\\/www.garciafaura.com\\\/wp-content\\\/uploads\\\/2018\\\/10\\\/Escola-La-Benaula-07.jpg&quot;,&quot;title&quot;:&quot;Tancaments per a la nova escola de Caldes de Malavella&quot;},{&quot;src&quot;:&quot;https:\\\/\\\/www.garciafaura.com\\\/wp-content\\\/uploads\\\/2018\\\/10\\\/Escola-La-Benaula-06.jpg&quot;,&quot;title&quot;:&quot;Tancaments per a la nova escola de Caldes de Malavella&quot;},{&quot;src&quot;:&quot;https:\\\/\\\/www.garciafaura.com\\\/wp-content\\\/uploads\\\/2018\\\/10\\\/Escola-La-Benaula-05.jpg&quot;,&quot;title&quot;:&quot;Tancaments per a la nova escola de Caldes de Malavella&quot;},{&quot;src&quot;:&quot;https:\\\/\\\/www.garciafaura.com\\\/wp-content\\\/uploads\\\/2018\\\/10\\\/Escola-La-Benaula-04.jpg&quot;,&quot;title&quot;:&quot;Tancaments per a la nova escola de Caldes de Malavella&quot;},{&quot;src&quot;:&quot;https:\\\/\\\/www.garciafaura.com\\\/wp-content\\\/uploads\\\/2018\\\/10\\\/Escola-La-Benaula-02.jpg&quot;,&quot;title&quot;:&quot;Tancaments per a la nova escola de Caldes de Malavella&quot;},{&quot;src&quot;:&quot;https:\\\/\\\/www.garciafaura.com\\\/wp-content\\\/uploads\\\/2018\\\/10\\\/Escola-La-Benaula-01.jpg&quot;,&quot;title&quot;:&quot;Tancaments per a la nova escola de Caldes de Malavella&quot;}]\"><img loading=\"lazy\" decoding=\"async\" data-no-lazy=\"1\" class=\"portfolio-entry-img skip-lazy\" src=\"https:\/\/www.garciafaura.com\/wp-content\/uploads\/2018\/10\/Escola-La-Benaula-03-600x314.jpg\" alt=\"Fermetures Pour Nouvelle \u00e9cole \u00e0 Caldes De Malavella\" data-no-retina width=\"600\" height=\"314\" \/><\/a><\/div><div class=\"portfolio-entry-details entry-details wpex-clr\"><h2 class=\"portfolio-entry-title entry-title\"><a href=\"https:\/\/www.garciafaura.com\/fr\/portfolio-item\/ecole-la-benaula\/\" title=\"\u00c9cole La Benaula\">\u00c9cole La Benaula<\/a><\/h2><div class=\"portfolio-entry-categories entry-categories wpex-clr\"><a href=\"https:\/\/www.garciafaura.com\/fr\/portfolio-category\/batiments-de-services\/\" class=\"term-75\">B\u00e2timents de Services<\/a><\/div><\/div><\/div><\/div><div class=\"portfolio-entry vcex-grid-item entry-has-details span_1_of_3 col col-2 vcex-isotope-entry vcex-no-margin-entry post-20734 entry type-portfolio has-media cat-75 translation_priority-5\"><div class=\"portfolio-entry-inner entry-inner wpex-clr\"><div class=\"portfolio-entry-media entry-media wpex-clr\"><a href=\"https:\/\/www.garciafaura.com\/wp-content\/uploads\/2018\/10\/Mercat-de-la-Constitucio\u0301-01.jpg\" title=\"March\u00e9 de la Constituci\u00f3\" class=\"portfolio-entry-media-link wpex-lightbox-gallery\" data-gallery=\"[{&quot;src&quot;:&quot;https:\\\/\\\/www.garciafaura.com\\\/wp-content\\\/uploads\\\/2018\\\/10\\\/Mercat-de-la-Constitucio\\u0301-01.jpg&quot;,&quot;title&quot;:&quot;Fermetures et vitrage pour le March\\u00e9 municipal de la Constituci\\u00f3 \\u00e0 Viladecans&quot;},{&quot;src&quot;:&quot;https:\\\/\\\/www.garciafaura.com\\\/wp-content\\\/uploads\\\/2018\\\/10\\\/Mercat-de-la-Constitucio\\u0301-13.jpg&quot;,&quot;title&quot;:&quot;Tancaments i vidrieres del Mercat municipal de la Constituci\\u00f3 a Viladecans&quot;},{&quot;src&quot;:&quot;https:\\\/\\\/www.garciafaura.com\\\/wp-content\\\/uploads\\\/2018\\\/10\\\/Mercat-de-la-Constitucio\\u0301-12.jpg&quot;,&quot;title&quot;:&quot;Tancaments i vidrieres del Mercat municipal de la Constituci\\u00f3 a Viladecans&quot;},{&quot;src&quot;:&quot;https:\\\/\\\/www.garciafaura.com\\\/wp-content\\\/uploads\\\/2018\\\/10\\\/Mercat-de-la-Constitucio\\u0301-11.jpg&quot;,&quot;title&quot;:&quot;Tancaments i vidrieres del Mercat municipal de la Constituci\\u00f3 a Viladecans&quot;},{&quot;src&quot;:&quot;https:\\\/\\\/www.garciafaura.com\\\/wp-content\\\/uploads\\\/2018\\\/10\\\/Mercat-de-la-Constitucio\\u0301-10.jpg&quot;,&quot;title&quot;:&quot;Tancaments i vidrieres del Mercat municipal de la Constituci\\u00f3 a Viladecans&quot;},{&quot;src&quot;:&quot;https:\\\/\\\/www.garciafaura.com\\\/wp-content\\\/uploads\\\/2018\\\/10\\\/Mercat-de-la-Constitucio\\u0301-09.jpg&quot;,&quot;title&quot;:&quot;Tancaments i vidrieres del Mercat municipal de la Constituci\\u00f3 a Viladecans&quot;},{&quot;src&quot;:&quot;https:\\\/\\\/www.garciafaura.com\\\/wp-content\\\/uploads\\\/2018\\\/10\\\/Mercat-de-la-Constitucio\\u0301-08.jpg&quot;,&quot;title&quot;:&quot;Tancaments i vidrieres del Mercat municipal de la Constituci\\u00f3 a Viladecans&quot;},{&quot;src&quot;:&quot;https:\\\/\\\/www.garciafaura.com\\\/wp-content\\\/uploads\\\/2018\\\/10\\\/Mercat-de-la-Constitucio\\u0301-07.jpg&quot;,&quot;title&quot;:&quot;Tancaments i vidrieres del Mercat municipal de la Constituci\\u00f3 a Viladecans&quot;},{&quot;src&quot;:&quot;https:\\\/\\\/www.garciafaura.com\\\/wp-content\\\/uploads\\\/2018\\\/10\\\/Mercat-de-la-Constitucio\\u0301-06.jpg&quot;,&quot;title&quot;:&quot;Tancaments i vidrieres del Mercat municipal de la Constituci\\u00f3 a Viladecans&quot;},{&quot;src&quot;:&quot;https:\\\/\\\/www.garciafaura.com\\\/wp-content\\\/uploads\\\/2018\\\/10\\\/Mercat-de-la-Constitucio\\u0301-05.jpg&quot;,&quot;title&quot;:&quot;Tancaments i vidrieres del Mercat municipal de la Constituci\\u00f3 a Viladecans&quot;},{&quot;src&quot;:&quot;https:\\\/\\\/www.garciafaura.com\\\/wp-content\\\/uploads\\\/2018\\\/10\\\/Mercat-de-la-Constitucio\\u0301-04.jpg&quot;,&quot;title&quot;:&quot;Tancaments i vidrieres del Mercat municipal de la Constituci\\u00f3 a Viladecans&quot;},{&quot;src&quot;:&quot;https:\\\/\\\/www.garciafaura.com\\\/wp-content\\\/uploads\\\/2018\\\/10\\\/Mercat-de-la-Constitucio\\u0301-03.jpg&quot;,&quot;title&quot;:&quot;Tancaments i vidrieres del Mercat municipal de la Constituci\\u00f3 a Viladecans&quot;},{&quot;src&quot;:&quot;https:\\\/\\\/www.garciafaura.com\\\/wp-content\\\/uploads\\\/2018\\\/10\\\/Mercat-de-la-Constitucio\\u0301-02.jpg&quot;,&quot;title&quot;:&quot;Tancaments i vidrieres del Mercat municipal de la Constituci\\u00f3 a Viladecans&quot;}]\"><img loading=\"lazy\" decoding=\"async\" data-no-lazy=\"1\" class=\"portfolio-entry-img skip-lazy\" src=\"https:\/\/www.garciafaura.com\/wp-content\/uploads\/2018\/10\/Mercat-de-la-Constitucio\u0301-01-600x314.jpg\" alt=\"Fermetures Et Vitrage Pour Le March\u00e9 Municipal De La Constituci\u00f3 \u00e0 Viladecans\" data-no-retina width=\"600\" height=\"314\" \/><\/a><\/div><div class=\"portfolio-entry-details entry-details wpex-clr\"><h2 class=\"portfolio-entry-title entry-title\"><a href=\"https:\/\/www.garciafaura.com\/fr\/portfolio-item\/marche-de-la-constitucio\/\" title=\"March\u00e9 de la Constituci\u00f3\">March\u00e9 de la Constituci\u00f3<\/a><\/h2><div class=\"portfolio-entry-categories entry-categories wpex-clr\"><a href=\"https:\/\/www.garciafaura.com\/fr\/portfolio-category\/batiments-de-services\/\" class=\"term-75\">B\u00e2timents de Services<\/a><\/div><\/div><\/div><\/div><div class=\"portfolio-entry vcex-grid-item entry-has-details span_1_of_3 col col-3 vcex-isotope-entry vcex-no-margin-entry post-20735 entry type-portfolio has-media cat-75 translation_priority-5\"><div class=\"portfolio-entry-inner entry-inner wpex-clr\"><div class=\"portfolio-entry-media entry-media wpex-clr\"><a href=\"https:\/\/www.garciafaura.com\/wp-content\/uploads\/2018\/10\/Les-Masies-de-Mollet-01.jpg\" title=\"R\u00e9sidence Les Masies de Mollet\" class=\"portfolio-entry-media-link wpex-lightbox-gallery\" data-gallery=\"[{&quot;src&quot;:&quot;https:\\\/\\\/www.garciafaura.com\\\/wp-content\\\/uploads\\\/2018\\\/10\\\/Les-Masies-de-Mollet-01.jpg&quot;,&quot;title&quot;:&quot;Fermetures pour r\\u00e9sidence pour personnes \\u00e2g\\u00e9es et Centre de Jour \\u00e0 Mollet del Vall\\u00e8s&quot;},{&quot;src&quot;:&quot;https:\\\/\\\/www.garciafaura.com\\\/wp-content\\\/uploads\\\/2018\\\/10\\\/Les-Masies-de-Mollet-15.jpg&quot;,&quot;title&quot;:&quot;Tancaments per resid\\u00e8ncia\\u00a0de gent gran i Centre de Dia a Mollet del Vall\\u00e8s&quot;},{&quot;src&quot;:&quot;https:\\\/\\\/www.garciafaura.com\\\/wp-content\\\/uploads\\\/2018\\\/10\\\/Les-Masies-de-Mollet-14.jpg&quot;,&quot;title&quot;:&quot;Tancaments per resid\\u00e8ncia\\u00a0de gent gran i Centre de Dia a Mollet del Vall\\u00e8s&quot;},{&quot;src&quot;:&quot;https:\\\/\\\/www.garciafaura.com\\\/wp-content\\\/uploads\\\/2018\\\/10\\\/Les-Masies-de-Mollet-13.jpg&quot;,&quot;title&quot;:&quot;Tancaments per resid\\u00e8ncia\\u00a0de gent gran i Centre de Dia a Mollet del Vall\\u00e8s&quot;},{&quot;src&quot;:&quot;https:\\\/\\\/www.garciafaura.com\\\/wp-content\\\/uploads\\\/2018\\\/10\\\/Les-Masies-de-Mollet-12.jpg&quot;,&quot;title&quot;:&quot;Tancaments per resid\\u00e8ncia\\u00a0de gent gran i Centre de Dia a Mollet del Vall\\u00e8s&quot;},{&quot;src&quot;:&quot;https:\\\/\\\/www.garciafaura.com\\\/wp-content\\\/uploads\\\/2018\\\/10\\\/Les-Masies-de-Mollet-11.jpg&quot;,&quot;title&quot;:&quot;Tancaments per resid\\u00e8ncia\\u00a0de gent gran i Centre de Dia a Mollet del Vall\\u00e8s&quot;},{&quot;src&quot;:&quot;https:\\\/\\\/www.garciafaura.com\\\/wp-content\\\/uploads\\\/2018\\\/10\\\/Les-Masies-de-Mollet-10.jpg&quot;,&quot;title&quot;:&quot;Tancaments per resid\\u00e8ncia\\u00a0de gent gran i Centre de Dia a Mollet del Vall\\u00e8s&quot;},{&quot;src&quot;:&quot;https:\\\/\\\/www.garciafaura.com\\\/wp-content\\\/uploads\\\/2018\\\/10\\\/Les-Masies-de-Mollet-09.jpg&quot;,&quot;title&quot;:&quot;Tancaments per resid\\u00e8ncia\\u00a0de gent gran i Centre de Dia a Mollet del Vall\\u00e8s&quot;},{&quot;src&quot;:&quot;https:\\\/\\\/www.garciafaura.com\\\/wp-content\\\/uploads\\\/2018\\\/10\\\/Les-Masies-de-Mollet-08.jpg&quot;,&quot;title&quot;:&quot;Tancaments per resid\\u00e8ncia\\u00a0de gent gran i Centre de Dia a Mollet del Vall\\u00e8s&quot;},{&quot;src&quot;:&quot;https:\\\/\\\/www.garciafaura.com\\\/wp-content\\\/uploads\\\/2018\\\/10\\\/Les-Masies-de-Mollet-07.jpg&quot;,&quot;title&quot;:&quot;Tancaments per resid\\u00e8ncia\\u00a0de gent gran i Centre de Dia a Mollet del Vall\\u00e8s&quot;},{&quot;src&quot;:&quot;https:\\\/\\\/www.garciafaura.com\\\/wp-content\\\/uploads\\\/2018\\\/10\\\/Les-Masies-de-Mollet-06.jpg&quot;,&quot;title&quot;:&quot;Tancaments per resid\\u00e8ncia\\u00a0de gent gran i Centre de Dia a Mollet del Vall\\u00e8s&quot;},{&quot;src&quot;:&quot;https:\\\/\\\/www.garciafaura.com\\\/wp-content\\\/uploads\\\/2018\\\/10\\\/Les-Masies-de-Mollet-05.jpg&quot;,&quot;title&quot;:&quot;Tancaments per resid\\u00e8ncia\\u00a0de gent gran i Centre de Dia a Mollet del Vall\\u00e8s&quot;},{&quot;src&quot;:&quot;https:\\\/\\\/www.garciafaura.com\\\/wp-content\\\/uploads\\\/2018\\\/10\\\/Les-Masies-de-Mollet-04.jpg&quot;,&quot;title&quot;:&quot;Tancaments per resid\\u00e8ncia\\u00a0de gent gran i Centre de Dia a Mollet del Vall\\u00e8s&quot;},{&quot;src&quot;:&quot;https:\\\/\\\/www.garciafaura.com\\\/wp-content\\\/uploads\\\/2018\\\/10\\\/Les-Masies-de-Mollet-03.jpg&quot;,&quot;title&quot;:&quot;Tancaments per resid\\u00e8ncia\\u00a0de gent gran i Centre de Dia a Mollet del Vall\\u00e8s&quot;},{&quot;src&quot;:&quot;https:\\\/\\\/www.garciafaura.com\\\/wp-content\\\/uploads\\\/2018\\\/10\\\/Les-Masies-de-Mollet-02.jpg&quot;,&quot;title&quot;:&quot;Tancaments per resid\\u00e8ncia\\u00a0de gent gran i Centre de Dia a Mollet del Vall\\u00e8s&quot;}]\"><img loading=\"lazy\" decoding=\"async\" data-no-lazy=\"1\" class=\"portfolio-entry-img skip-lazy\" src=\"https:\/\/www.garciafaura.com\/wp-content\/uploads\/2018\/10\/Les-Masies-de-Mollet-01-600x314.jpg\" alt=\"Fermetures Pour R\u00e9sidence Pour Personnes \u00e2g\u00e9es Et Centre De Jour \u00e0 Mollet Del Vall\u00e8s\" data-no-retina width=\"600\" height=\"314\" \/><\/a><\/div><div class=\"portfolio-entry-details entry-details wpex-clr\"><h2 class=\"portfolio-entry-title entry-title\"><a href=\"https:\/\/www.garciafaura.com\/fr\/portfolio-item\/residence-les-masies-de-mollet\/\" title=\"R\u00e9sidence Les Masies de Mollet\">R\u00e9sidence Les Masies de Mollet<\/a><\/h2><div class=\"portfolio-entry-categories entry-categories wpex-clr\"><a href=\"https:\/\/www.garciafaura.com\/fr\/portfolio-category\/batiments-de-services\/\" class=\"term-75\">B\u00e2timents de Services<\/a><\/div><\/div><\/div><\/div><div class=\"portfolio-entry vcex-grid-item entry-has-details span_1_of_3 col col-1 vcex-isotope-entry vcex-no-margin-entry post-20729 entry type-portfolio has-media cat-75 translation_priority-5\"><div class=\"portfolio-entry-inner entry-inner wpex-clr\"><div class=\"portfolio-entry-media entry-media wpex-clr\"><a href=\"https:\/\/www.garciafaura.com\/wp-content\/uploads\/2018\/10\/Tanatori-Bages-Sud-03.jpg\" title=\"Fun\u00e9rarium Bages Sud\" class=\"portfolio-entry-media-link wpex-lightbox-gallery\" data-gallery=\"[{&quot;src&quot;:&quot;https:\\\/\\\/www.garciafaura.com\\\/wp-content\\\/uploads\\\/2018\\\/10\\\/Tanatori-Bages-Sud-02.jpg&quot;,&quot;title&quot;:&quot;Tancaments d&#039;alumini i\\u00a0lluernes\\u00a0en nou equipament a Sant Vicen\\u00e7 de Castellet&quot;},{&quot;src&quot;:&quot;https:\\\/\\\/www.garciafaura.com\\\/wp-content\\\/uploads\\\/2018\\\/10\\\/Tanatori-Bages-Sud-20.jpg&quot;,&quot;title&quot;:&quot;Tancaments d&#039;alumini i\\u00a0lluernes\\u00a0en nou equipament a Sant Vicen\\u00e7 de Castellet&quot;},{&quot;src&quot;:&quot;https:\\\/\\\/www.garciafaura.com\\\/wp-content\\\/uploads\\\/2018\\\/10\\\/Tanatori-Bages-Sud-19.jpg&quot;,&quot;title&quot;:&quot;Tancaments d&#039;alumini i\\u00a0lluernes\\u00a0en nou equipament a Sant Vicen\\u00e7 de Castellet&quot;},{&quot;src&quot;:&quot;https:\\\/\\\/www.garciafaura.com\\\/wp-content\\\/uploads\\\/2018\\\/10\\\/Tanatori-Bages-Sud-18.jpg&quot;,&quot;title&quot;:&quot;Tancaments d&#039;alumini i\\u00a0lluernes\\u00a0en nou equipament a Sant Vicen\\u00e7 de Castellet&quot;},{&quot;src&quot;:&quot;https:\\\/\\\/www.garciafaura.com\\\/wp-content\\\/uploads\\\/2018\\\/10\\\/Tanatori-Bages-Sud-17.jpg&quot;,&quot;title&quot;:&quot;Tancaments d&#039;alumini i\\u00a0lluernes\\u00a0en nou equipament a Sant Vicen\\u00e7 de Castellet&quot;},{&quot;src&quot;:&quot;https:\\\/\\\/www.garciafaura.com\\\/wp-content\\\/uploads\\\/2018\\\/10\\\/Tanatori-Bages-Sud-16.jpg&quot;,&quot;title&quot;:&quot;Tancaments d&#039;alumini i\\u00a0lluernes\\u00a0en nou equipament a Sant Vicen\\u00e7 de Castellet&quot;},{&quot;src&quot;:&quot;https:\\\/\\\/www.garciafaura.com\\\/wp-content\\\/uploads\\\/2018\\\/10\\\/Tanatori-Bages-Sud-15.jpg&quot;,&quot;title&quot;:&quot;Tancaments d&#039;alumini i\\u00a0lluernes\\u00a0en nou equipament a Sant Vicen\\u00e7 de Castellet&quot;},{&quot;src&quot;:&quot;https:\\\/\\\/www.garciafaura.com\\\/wp-content\\\/uploads\\\/2018\\\/10\\\/Tanatori-Bages-Sud-14.jpg&quot;,&quot;title&quot;:&quot;Tancaments d&#039;alumini i\\u00a0lluernes\\u00a0en nou equipament a Sant Vicen\\u00e7 de Castellet&quot;},{&quot;src&quot;:&quot;https:\\\/\\\/www.garciafaura.com\\\/wp-content\\\/uploads\\\/2018\\\/10\\\/Tanatori-Bages-Sud-13.jpg&quot;,&quot;title&quot;:&quot;Tancaments d&#039;alumini i\\u00a0lluernes\\u00a0en nou equipament a Sant Vicen\\u00e7 de Castellet&quot;},{&quot;src&quot;:&quot;https:\\\/\\\/www.garciafaura.com\\\/wp-content\\\/uploads\\\/2018\\\/10\\\/Tanatori-Bages-Sud-12.jpg&quot;,&quot;title&quot;:&quot;Tancaments d&#039;alumini i\\u00a0lluernes\\u00a0en nou equipament a Sant Vicen\\u00e7 de Castellet&quot;},{&quot;src&quot;:&quot;https:\\\/\\\/www.garciafaura.com\\\/wp-content\\\/uploads\\\/2018\\\/10\\\/Tanatori-Bages-Sud-11.jpg&quot;,&quot;title&quot;:&quot;Tancaments d&#039;alumini i\\u00a0lluernes\\u00a0en nou equipament a Sant Vicen\\u00e7 de Castellet&quot;},{&quot;src&quot;:&quot;https:\\\/\\\/www.garciafaura.com\\\/wp-content\\\/uploads\\\/2018\\\/10\\\/Tanatori-Bages-Sud-10.jpg&quot;,&quot;title&quot;:&quot;Tancaments d&#039;alumini i\\u00a0lluernes\\u00a0en nou equipament a Sant Vicen\\u00e7 de Castellet&quot;},{&quot;src&quot;:&quot;https:\\\/\\\/www.garciafaura.com\\\/wp-content\\\/uploads\\\/2018\\\/10\\\/Tanatori-Bages-Sud-09.jpg&quot;,&quot;title&quot;:&quot;Tancaments d&#039;alumini i\\u00a0lluernes\\u00a0en nou equipament a Sant Vicen\\u00e7 de Castellet&quot;},{&quot;src&quot;:&quot;https:\\\/\\\/www.garciafaura.com\\\/wp-content\\\/uploads\\\/2018\\\/10\\\/Tanatori-Bages-Sud-08.jpg&quot;,&quot;title&quot;:&quot;Tancaments d&#039;alumini i\\u00a0lluernes\\u00a0en nou equipament a Sant Vicen\\u00e7 de Castellet&quot;},{&quot;src&quot;:&quot;https:\\\/\\\/www.garciafaura.com\\\/wp-content\\\/uploads\\\/2018\\\/10\\\/Tanatori-Bages-Sud-07.jpg&quot;,&quot;title&quot;:&quot;Tancaments d&#039;alumini i\\u00a0lluernes\\u00a0en nou equipament a Sant Vicen\\u00e7 de Castellet&quot;},{&quot;src&quot;:&quot;https:\\\/\\\/www.garciafaura.com\\\/wp-content\\\/uploads\\\/2018\\\/10\\\/Tanatori-Bages-Sud-06.jpg&quot;,&quot;title&quot;:&quot;Tancaments d&#039;alumini i\\u00a0lluernes\\u00a0en nou equipament a Sant Vicen\\u00e7 de Castellet&quot;},{&quot;src&quot;:&quot;https:\\\/\\\/www.garciafaura.com\\\/wp-content\\\/uploads\\\/2018\\\/10\\\/Tanatori-Bages-Sud-05.jpg&quot;,&quot;title&quot;:&quot;Tancaments d&#039;alumini i\\u00a0lluernes\\u00a0en nou equipament a Sant Vicen\\u00e7 de Castellet&quot;},{&quot;src&quot;:&quot;https:\\\/\\\/www.garciafaura.com\\\/wp-content\\\/uploads\\\/2018\\\/10\\\/Tanatori-Bages-Sud-04.jpg&quot;,&quot;title&quot;:&quot;Tancaments d&#039;alumini i\\u00a0lluernes\\u00a0en nou equipament a Sant Vicen\\u00e7 de Castellet&quot;},{&quot;src&quot;:&quot;https:\\\/\\\/www.garciafaura.com\\\/wp-content\\\/uploads\\\/2018\\\/10\\\/Tanatori-Bages-Sud-03.jpg&quot;,&quot;title&quot;:&quot;Fermetures en aluminium et lucarnes pour nouveau b\\u00e2timent \\u00e0 Sant Vicen\\u00e7 de Castellet&quot;},{&quot;src&quot;:&quot;https:\\\/\\\/www.garciafaura.com\\\/wp-content\\\/uploads\\\/2018\\\/10\\\/Tanatori-Bages-Sud-01.jpg&quot;,&quot;title&quot;:&quot;Tancaments d&#039;alumini i\\u00a0lluernes\\u00a0en nou equipament a Sant Vicen\\u00e7 de Castellet&quot;}]\"><img loading=\"lazy\" decoding=\"async\" data-no-lazy=\"1\" class=\"portfolio-entry-img skip-lazy\" src=\"https:\/\/www.garciafaura.com\/wp-content\/uploads\/2018\/10\/Tanatori-Bages-Sud-03-600x314.jpg\" alt=\"Fermetures En Aluminium Et Lucarnes Pour Nouveau B\u00e2timent \u00e0 Sant Vicen\u00e7 De Castellet\" data-no-retina width=\"600\" height=\"314\" \/><\/a><\/div><div class=\"portfolio-entry-details entry-details wpex-clr\"><h2 class=\"portfolio-entry-title entry-title\"><a href=\"https:\/\/www.garciafaura.com\/fr\/portfolio-item\/funerarium-bages-sud\/\" title=\"Fun\u00e9rarium Bages Sud\">Fun\u00e9rarium Bages Sud<\/a><\/h2><div class=\"portfolio-entry-categories entry-categories wpex-clr\"><a href=\"https:\/\/www.garciafaura.com\/fr\/portfolio-category\/batiments-de-services\/\" class=\"term-75\">B\u00e2timents de Services<\/a><\/div><\/div><\/div><\/div><div class=\"portfolio-entry vcex-grid-item entry-has-details span_1_of_3 col col-2 vcex-isotope-entry vcex-no-margin-entry post-20728 entry type-portfolio has-media cat-75 translation_priority-5\"><div class=\"portfolio-entry-inner entry-inner wpex-clr\"><div class=\"portfolio-entry-media entry-media wpex-clr\"><a href=\"https:\/\/www.garciafaura.com\/wp-content\/uploads\/2018\/10\/Mercat-Palleja\u0300-04.jpg\" title=\"March\u00e9 de Pallej\u00e0\" class=\"portfolio-entry-media-link wpex-lightbox-gallery\" data-gallery=\"[{&quot;src&quot;:&quot;https:\\\/\\\/www.garciafaura.com\\\/wp-content\\\/uploads\\\/2018\\\/10\\\/Mercat-Palleja\\u0300-01.jpg&quot;,&quot;title&quot;:&quot;Tancaments met\\u00e0l\\u00b7lics, vidre i folrats en nou equipament p\\u00fablic&quot;},{&quot;src&quot;:&quot;https:\\\/\\\/www.garciafaura.com\\\/wp-content\\\/uploads\\\/2018\\\/10\\\/Mercat-Palleja\\u0300-14.jpg&quot;,&quot;title&quot;:&quot;Tancaments met\\u00e0l\\u00b7lics, vidre i folrats en nou equipament p\\u00fablic&quot;},{&quot;src&quot;:&quot;https:\\\/\\\/www.garciafaura.com\\\/wp-content\\\/uploads\\\/2018\\\/10\\\/Mercat-Palleja\\u0300-13.jpg&quot;,&quot;title&quot;:&quot;Tancaments met\\u00e0l\\u00b7lics, vidre i folrats en nou equipament p\\u00fablic&quot;},{&quot;src&quot;:&quot;https:\\\/\\\/www.garciafaura.com\\\/wp-content\\\/uploads\\\/2018\\\/10\\\/Mercat-Palleja\\u0300-12.jpg&quot;,&quot;title&quot;:&quot;Tancaments met\\u00e0l\\u00b7lics, vidre i folrats en nou equipament p\\u00fablic&quot;},{&quot;src&quot;:&quot;https:\\\/\\\/www.garciafaura.com\\\/wp-content\\\/uploads\\\/2018\\\/10\\\/Mercat-Palleja\\u0300-11.jpg&quot;,&quot;title&quot;:&quot;Tancaments met\\u00e0l\\u00b7lics, vidre i folrats en nou equipament p\\u00fablic&quot;},{&quot;src&quot;:&quot;https:\\\/\\\/www.garciafaura.com\\\/wp-content\\\/uploads\\\/2018\\\/10\\\/Mercat-Palleja\\u0300-10.jpg&quot;,&quot;title&quot;:&quot;Tancaments met\\u00e0l\\u00b7lics, vidre i folrats en nou equipament p\\u00fablic&quot;},{&quot;src&quot;:&quot;https:\\\/\\\/www.garciafaura.com\\\/wp-content\\\/uploads\\\/2018\\\/10\\\/Mercat-Palleja\\u0300-09.jpg&quot;,&quot;title&quot;:&quot;Tancaments met\\u00e0l\\u00b7lics, vidre i folrats en nou equipament p\\u00fablic&quot;},{&quot;src&quot;:&quot;https:\\\/\\\/www.garciafaura.com\\\/wp-content\\\/uploads\\\/2018\\\/10\\\/Mercat-Palleja\\u0300-08.jpg&quot;,&quot;title&quot;:&quot;Tancaments met\\u00e0l\\u00b7lics, vidre i folrats en nou equipament p\\u00fablic&quot;},{&quot;src&quot;:&quot;https:\\\/\\\/www.garciafaura.com\\\/wp-content\\\/uploads\\\/2018\\\/10\\\/Mercat-Palleja\\u0300-07.jpg&quot;,&quot;title&quot;:&quot;Tancaments met\\u00e0l\\u00b7lics, vidre i folrats en nou equipament p\\u00fablic&quot;},{&quot;src&quot;:&quot;https:\\\/\\\/www.garciafaura.com\\\/wp-content\\\/uploads\\\/2018\\\/10\\\/Mercat-Palleja\\u0300-06.jpg&quot;,&quot;title&quot;:&quot;Tancaments met\\u00e0l\\u00b7lics, vidre i folrats en nou equipament p\\u00fablic&quot;},{&quot;src&quot;:&quot;https:\\\/\\\/www.garciafaura.com\\\/wp-content\\\/uploads\\\/2018\\\/10\\\/Mercat-Palleja\\u0300-05.jpg&quot;,&quot;title&quot;:&quot;Tancaments met\\u00e0l\\u00b7lics, vidre i folrats en nou equipament p\\u00fablic&quot;},{&quot;src&quot;:&quot;https:\\\/\\\/www.garciafaura.com\\\/wp-content\\\/uploads\\\/2018\\\/10\\\/Mercat-Palleja\\u0300-04.jpg&quot;,&quot;title&quot;:&quot;Fermetures m\\u00e9talliques, verre et doublures pour nouvel \\u00e9quipement public&quot;},{&quot;src&quot;:&quot;https:\\\/\\\/www.garciafaura.com\\\/wp-content\\\/uploads\\\/2018\\\/10\\\/Mercat-Palleja\\u0300-03.jpg&quot;,&quot;title&quot;:&quot;Tancaments met\\u00e0l\\u00b7lics, vidre i folrats en nou equipament p\\u00fablic&quot;},{&quot;src&quot;:&quot;https:\\\/\\\/www.garciafaura.com\\\/wp-content\\\/uploads\\\/2018\\\/10\\\/Mercat-Palleja\\u0300-02.jpg&quot;,&quot;title&quot;:&quot;Tancaments met\\u00e0l\\u00b7lics, vidre i folrats en nou equipament p\\u00fablic&quot;}]\"><img loading=\"lazy\" decoding=\"async\" data-no-lazy=\"1\" class=\"portfolio-entry-img skip-lazy\" src=\"https:\/\/www.garciafaura.com\/wp-content\/uploads\/2018\/10\/Mercat-Palleja\u0300-04-600x314.jpg\" alt=\"Fermetures M\u00e9talliques, Verre Et Doublures Pour Nouvel \u00e9quipement Public\" data-no-retina width=\"600\" height=\"314\" \/><\/a><\/div><div class=\"portfolio-entry-details entry-details wpex-clr\"><h2 class=\"portfolio-entry-title entry-title\"><a href=\"https:\/\/www.garciafaura.com\/fr\/portfolio-item\/marche-de-palleja\/\" title=\"March\u00e9 de Pallej\u00e0\">March\u00e9 de Pallej\u00e0<\/a><\/h2><div class=\"portfolio-entry-categories entry-categories wpex-clr\"><a href=\"https:\/\/www.garciafaura.com\/fr\/portfolio-category\/batiments-de-services\/\" class=\"term-75\">B\u00e2timents de Services<\/a><\/div><\/div><\/div><\/div><div class=\"portfolio-entry vcex-grid-item entry-has-details span_1_of_3 col col-3 vcex-isotope-entry vcex-no-margin-entry post-20725 entry type-portfolio has-media cat-75 cat-92 translation_priority-5\"><div class=\"portfolio-entry-inner entry-inner wpex-clr\"><div class=\"portfolio-entry-media entry-media wpex-clr\"><a href=\"https:\/\/www.garciafaura.com\/wp-content\/uploads\/2018\/10\/Po\u0300dium-Viladecans-06.jpg\" title=\"Complexe sportif P\u00f2dium\" class=\"portfolio-entry-media-link wpex-lightbox-gallery\" data-gallery=\"[{&quot;src&quot;:&quot;https:\\\/\\\/www.garciafaura.com\\\/wp-content\\\/uploads\\\/2018\\\/10\\\/Po\\u0300dium-Viladecans-06.jpg&quot;,&quot;title&quot;:&quot;Fermetures et murs-rideaux pour ce nouveau complexe sportif \\u00e0 Viladecans&quot;},{&quot;src&quot;:&quot;https:\\\/\\\/www.garciafaura.com\\\/wp-content\\\/uploads\\\/2018\\\/10\\\/Po\\u0300dium-Viladecans-05.jpg&quot;,&quot;title&quot;:&quot;Tancaments i murs cortina d&#039;aquest nou complex esportiu a Viladecans&quot;},{&quot;src&quot;:&quot;https:\\\/\\\/www.garciafaura.com\\\/wp-content\\\/uploads\\\/2018\\\/10\\\/Po\\u0300dium-Viladecans-04.jpg&quot;,&quot;title&quot;:&quot;Tancaments i murs cortina d&#039;aquest nou complex esportiu a Viladecans&quot;},{&quot;src&quot;:&quot;https:\\\/\\\/www.garciafaura.com\\\/wp-content\\\/uploads\\\/2018\\\/10\\\/Po\\u0300dium-Viladecans-03.jpg&quot;,&quot;title&quot;:&quot;Tancaments i murs cortina d&#039;aquest nou complex esportiu a Viladecans&quot;},{&quot;src&quot;:&quot;https:\\\/\\\/www.garciafaura.com\\\/wp-content\\\/uploads\\\/2018\\\/10\\\/Po\\u0300dium-Viladecans-02.jpg&quot;,&quot;title&quot;:&quot;Tancaments i murs cortina d&#039;aquest nou complex esportiu a Viladecans&quot;},{&quot;src&quot;:&quot;https:\\\/\\\/www.garciafaura.com\\\/wp-content\\\/uploads\\\/2018\\\/10\\\/Po\\u0300dium-Viladecans-01.jpg&quot;,&quot;title&quot;:&quot;Tancaments i murs cortina d&#039;aquest nou complex esportiu a Viladecans&quot;},{&quot;src&quot;:&quot;https:\\\/\\\/www.garciafaura.com\\\/wp-content\\\/uploads\\\/2018\\\/10\\\/Po\\u0300dium-Viladecans-07.jpg&quot;,&quot;title&quot;:&quot;Tancaments i murs cortina d&#039;aquest nou complex esportiu a Viladecans&quot;},{&quot;src&quot;:&quot;https:\\\/\\\/www.garciafaura.com\\\/wp-content\\\/uploads\\\/2018\\\/10\\\/Po\\u0300dium-Viladecans-44.jpg&quot;,&quot;title&quot;:&quot;Tancaments i murs cortina d&#039;aquest nou complex esportiu a Viladecans&quot;},{&quot;src&quot;:&quot;https:\\\/\\\/www.garciafaura.com\\\/wp-content\\\/uploads\\\/2018\\\/10\\\/Po\\u0300dium-Viladecans-43.jpg&quot;,&quot;title&quot;:&quot;Tancaments i murs cortina d&#039;aquest nou complex esportiu a Viladecans&quot;},{&quot;src&quot;:&quot;https:\\\/\\\/www.garciafaura.com\\\/wp-content\\\/uploads\\\/2018\\\/10\\\/Po\\u0300dium-Viladecans-42.jpg&quot;,&quot;title&quot;:&quot;Tancaments i murs cortina d&#039;aquest nou complex esportiu a Viladecans&quot;},{&quot;src&quot;:&quot;https:\\\/\\\/www.garciafaura.com\\\/wp-content\\\/uploads\\\/2018\\\/10\\\/Po\\u0300dium-Viladecans-41.jpg&quot;,&quot;title&quot;:&quot;Tancaments i murs cortina d&#039;aquest nou complex esportiu a Viladecans&quot;},{&quot;src&quot;:&quot;https:\\\/\\\/www.garciafaura.com\\\/wp-content\\\/uploads\\\/2018\\\/10\\\/Po\\u0300dium-Viladecans-40.jpg&quot;,&quot;title&quot;:&quot;Tancaments i murs cortina d&#039;aquest nou complex esportiu a Viladecans&quot;},{&quot;src&quot;:&quot;https:\\\/\\\/www.garciafaura.com\\\/wp-content\\\/uploads\\\/2018\\\/10\\\/Po\\u0300dium-Viladecans-39.jpg&quot;,&quot;title&quot;:&quot;Tancaments i murs cortina d&#039;aquest nou complex esportiu a Viladecans&quot;},{&quot;src&quot;:&quot;https:\\\/\\\/www.garciafaura.com\\\/wp-content\\\/uploads\\\/2018\\\/10\\\/Po\\u0300dium-Viladecans-38.jpg&quot;,&quot;title&quot;:&quot;Tancaments i murs cortina d&#039;aquest nou complex esportiu a Viladecans&quot;},{&quot;src&quot;:&quot;https:\\\/\\\/www.garciafaura.com\\\/wp-content\\\/uploads\\\/2018\\\/10\\\/Po\\u0300dium-Viladecans-37.jpg&quot;,&quot;title&quot;:&quot;Tancaments i murs cortina d&#039;aquest nou complex esportiu a Viladecans&quot;},{&quot;src&quot;:&quot;https:\\\/\\\/www.garciafaura.com\\\/wp-content\\\/uploads\\\/2018\\\/10\\\/Po\\u0300dium-Viladecans-36.jpg&quot;,&quot;title&quot;:&quot;Tancaments i murs cortina d&#039;aquest nou complex esportiu a Viladecans&quot;},{&quot;src&quot;:&quot;https:\\\/\\\/www.garciafaura.com\\\/wp-content\\\/uploads\\\/2018\\\/10\\\/Po\\u0300dium-Viladecans-35.jpg&quot;,&quot;title&quot;:&quot;Tancaments i murs cortina d&#039;aquest nou complex esportiu a Viladecans&quot;},{&quot;src&quot;:&quot;https:\\\/\\\/www.garciafaura.com\\\/wp-content\\\/uploads\\\/2018\\\/10\\\/Po\\u0300dium-Viladecans-34.jpg&quot;,&quot;title&quot;:&quot;Tancaments i murs cortina d&#039;aquest nou complex esportiu a Viladecans&quot;},{&quot;src&quot;:&quot;https:\\\/\\\/www.garciafaura.com\\\/wp-content\\\/uploads\\\/2018\\\/10\\\/Po\\u0300dium-Viladecans-33.jpg&quot;,&quot;title&quot;:&quot;Tancaments i murs cortina d&#039;aquest nou complex esportiu a Viladecans&quot;},{&quot;src&quot;:&quot;https:\\\/\\\/www.garciafaura.com\\\/wp-content\\\/uploads\\\/2018\\\/10\\\/Po\\u0300dium-Viladecans-32.jpg&quot;,&quot;title&quot;:&quot;Tancaments i murs cortina d&#039;aquest nou complex esportiu a Viladecans&quot;},{&quot;src&quot;:&quot;https:\\\/\\\/www.garciafaura.com\\\/wp-content\\\/uploads\\\/2018\\\/10\\\/Po\\u0300dium-Viladecans-31.jpg&quot;,&quot;title&quot;:&quot;Tancaments i murs cortina d&#039;aquest nou complex esportiu a Viladecans&quot;},{&quot;src&quot;:&quot;https:\\\/\\\/www.garciafaura.com\\\/wp-content\\\/uploads\\\/2018\\\/10\\\/Po\\u0300dium-Viladecans-30.jpg&quot;,&quot;title&quot;:&quot;Tancaments i murs cortina d&#039;aquest nou complex esportiu a Viladecans&quot;},{&quot;src&quot;:&quot;https:\\\/\\\/www.garciafaura.com\\\/wp-content\\\/uploads\\\/2018\\\/10\\\/Po\\u0300dium-Viladecans-29.jpg&quot;,&quot;title&quot;:&quot;Tancaments i murs cortina d&#039;aquest nou complex esportiu a Viladecans&quot;},{&quot;src&quot;:&quot;https:\\\/\\\/www.garciafaura.com\\\/wp-content\\\/uploads\\\/2018\\\/10\\\/Po\\u0300dium-Viladecans-28.jpg&quot;,&quot;title&quot;:&quot;Tancaments i murs cortina d&#039;aquest nou complex esportiu a Viladecans&quot;},{&quot;src&quot;:&quot;https:\\\/\\\/www.garciafaura.com\\\/wp-content\\\/uploads\\\/2018\\\/10\\\/Po\\u0300dium-Viladecans-27.jpg&quot;,&quot;title&quot;:&quot;Tancaments i murs cortina d&#039;aquest nou complex esportiu a Viladecans&quot;},{&quot;src&quot;:&quot;https:\\\/\\\/www.garciafaura.com\\\/wp-content\\\/uploads\\\/2018\\\/10\\\/Po\\u0300dium-Viladecans-26.jpg&quot;,&quot;title&quot;:&quot;Tancaments i murs cortina d&#039;aquest nou complex esportiu a Viladecans&quot;},{&quot;src&quot;:&quot;https:\\\/\\\/www.garciafaura.com\\\/wp-content\\\/uploads\\\/2018\\\/10\\\/Po\\u0300dium-Viladecans-25.jpg&quot;,&quot;title&quot;:&quot;Tancaments i murs cortina d&#039;aquest nou complex esportiu a Viladecans&quot;},{&quot;src&quot;:&quot;https:\\\/\\\/www.garciafaura.com\\\/wp-content\\\/uploads\\\/2018\\\/10\\\/Po\\u0300dium-Viladecans-24.jpg&quot;,&quot;title&quot;:&quot;Tancaments i murs cortina d&#039;aquest nou complex esportiu a Viladecans&quot;},{&quot;src&quot;:&quot;https:\\\/\\\/www.garciafaura.com\\\/wp-content\\\/uploads\\\/2018\\\/10\\\/Po\\u0300dium-Viladecans-23.jpg&quot;,&quot;title&quot;:&quot;Tancaments i murs cortina d&#039;aquest nou complex esportiu a Viladecans&quot;},{&quot;src&quot;:&quot;https:\\\/\\\/www.garciafaura.com\\\/wp-content\\\/uploads\\\/2018\\\/10\\\/Po\\u0300dium-Viladecans-22.jpg&quot;,&quot;title&quot;:&quot;Tancaments i murs cortina d&#039;aquest nou complex esportiu a Viladecans&quot;},{&quot;src&quot;:&quot;https:\\\/\\\/www.garciafaura.com\\\/wp-content\\\/uploads\\\/2018\\\/10\\\/Po\\u0300dium-Viladecans-21.jpg&quot;,&quot;title&quot;:&quot;Tancaments i murs cortina d&#039;aquest nou complex esportiu a Viladecans&quot;},{&quot;src&quot;:&quot;https:\\\/\\\/www.garciafaura.com\\\/wp-content\\\/uploads\\\/2018\\\/10\\\/Po\\u0300dium-Viladecans-20.jpg&quot;,&quot;title&quot;:&quot;Tancaments i murs cortina d&#039;aquest nou complex esportiu a Viladecans&quot;},{&quot;src&quot;:&quot;https:\\\/\\\/www.garciafaura.com\\\/wp-content\\\/uploads\\\/2018\\\/10\\\/Po\\u0300dium-Viladecans-19.jpg&quot;,&quot;title&quot;:&quot;Tancaments i murs cortina d&#039;aquest nou complex esportiu a Viladecans&quot;},{&quot;src&quot;:&quot;https:\\\/\\\/www.garciafaura.com\\\/wp-content\\\/uploads\\\/2018\\\/10\\\/Po\\u0300dium-Viladecans-18.jpg&quot;,&quot;title&quot;:&quot;Tancaments i murs cortina d&#039;aquest nou complex esportiu a Viladecans&quot;},{&quot;src&quot;:&quot;https:\\\/\\\/www.garciafaura.com\\\/wp-content\\\/uploads\\\/2018\\\/10\\\/Po\\u0300dium-Viladecans-17.jpg&quot;,&quot;title&quot;:&quot;Tancaments i murs cortina d&#039;aquest nou complex esportiu a Viladecans&quot;},{&quot;src&quot;:&quot;https:\\\/\\\/www.garciafaura.com\\\/wp-content\\\/uploads\\\/2018\\\/10\\\/Po\\u0300dium-Viladecans-16.jpg&quot;,&quot;title&quot;:&quot;Tancaments i murs cortina d&#039;aquest nou complex esportiu a Viladecans&quot;},{&quot;src&quot;:&quot;https:\\\/\\\/www.garciafaura.com\\\/wp-content\\\/uploads\\\/2018\\\/10\\\/Po\\u0300dium-Viladecans-15.jpg&quot;,&quot;title&quot;:&quot;Tancaments i murs cortina d&#039;aquest nou complex esportiu a Viladecans&quot;},{&quot;src&quot;:&quot;https:\\\/\\\/www.garciafaura.com\\\/wp-content\\\/uploads\\\/2018\\\/10\\\/Po\\u0300dium-Viladecans-14.jpg&quot;,&quot;title&quot;:&quot;Tancaments i murs cortina d&#039;aquest nou complex esportiu a Viladecans&quot;},{&quot;src&quot;:&quot;https:\\\/\\\/www.garciafaura.com\\\/wp-content\\\/uploads\\\/2018\\\/10\\\/Po\\u0300dium-Viladecans-13.jpg&quot;,&quot;title&quot;:&quot;Tancaments i murs cortina d&#039;aquest nou complex esportiu a Viladecans&quot;},{&quot;src&quot;:&quot;https:\\\/\\\/www.garciafaura.com\\\/wp-content\\\/uploads\\\/2018\\\/10\\\/Po\\u0300dium-Viladecans-12.jpg&quot;,&quot;title&quot;:&quot;Tancaments i murs cortina d&#039;aquest nou complex esportiu a Viladecans&quot;},{&quot;src&quot;:&quot;https:\\\/\\\/www.garciafaura.com\\\/wp-content\\\/uploads\\\/2018\\\/10\\\/Po\\u0300dium-Viladecans-11.jpg&quot;,&quot;title&quot;:&quot;Tancaments i murs cortina d&#039;aquest nou complex esportiu a Viladecans&quot;},{&quot;src&quot;:&quot;https:\\\/\\\/www.garciafaura.com\\\/wp-content\\\/uploads\\\/2018\\\/10\\\/Po\\u0300dium-Viladecans-10.jpg&quot;,&quot;title&quot;:&quot;Tancaments i murs cortina d&#039;aquest nou complex esportiu a Viladecans&quot;},{&quot;src&quot;:&quot;https:\\\/\\\/www.garciafaura.com\\\/wp-content\\\/uploads\\\/2018\\\/10\\\/Po\\u0300dium-Viladecans-09.jpg&quot;,&quot;title&quot;:&quot;Tancaments i murs cortina d&#039;aquest nou complex esportiu a Viladecans&quot;},{&quot;src&quot;:&quot;https:\\\/\\\/www.garciafaura.com\\\/wp-content\\\/uploads\\\/2018\\\/10\\\/Po\\u0300dium-Viladecans-08.jpg&quot;,&quot;title&quot;:&quot;Tancaments i murs cortina d&#039;aquest nou complex esportiu a Viladecans&quot;}]\"><img loading=\"lazy\" decoding=\"async\" data-no-lazy=\"1\" class=\"portfolio-entry-img skip-lazy\" src=\"https:\/\/www.garciafaura.com\/wp-content\/uploads\/2018\/10\/Po\u0300dium-Viladecans-06-600x314.jpg\" alt=\"Fermetures Et Murs-rideaux Pour Ce Nouveau Complexe Sportif \u00e0 Viladecans\" data-no-retina width=\"600\" height=\"314\" \/><\/a><\/div><div class=\"portfolio-entry-details entry-details wpex-clr\"><h2 class=\"portfolio-entry-title entry-title\"><a href=\"https:\/\/www.garciafaura.com\/fr\/portfolio-item\/complexe-sportif-podium\/\" title=\"Complexe sportif P\u00f2dium\">Complexe sportif P\u00f2dium<\/a><\/h2><div class=\"portfolio-entry-categories entry-categories wpex-clr\"><a href=\"https:\/\/www.garciafaura.com\/fr\/portfolio-category\/batiments-de-services\/\" class=\"term-75\">B\u00e2timents de Services<\/a><\/div><\/div><\/div><\/div><div class=\"portfolio-entry vcex-grid-item entry-has-details span_1_of_3 col col-1 vcex-isotope-entry vcex-no-margin-entry post-20724 entry type-portfolio has-media cat-75 translation_priority-5\"><div class=\"portfolio-entry-inner entry-inner wpex-clr\"><div class=\"portfolio-entry-media entry-media wpex-clr\"><a href=\"https:\/\/www.garciafaura.com\/wp-content\/uploads\/2018\/10\/Mercagava-08.jpg\" title=\"March\u00e9 Municipal Mercagav\u00e0\" class=\"portfolio-entry-media-link wpex-lightbox-gallery\" data-gallery=\"[{&quot;src&quot;:&quot;https:\\\/\\\/www.garciafaura.com\\\/wp-content\\\/uploads\\\/2018\\\/10\\\/Mercagava-01.jpg&quot;,&quot;title&quot;:&quot;Tancaments i vidrieria del nou mercat de Pla\\u00e7a Catalunya a Gav\\u00e0&quot;},{&quot;src&quot;:&quot;https:\\\/\\\/www.garciafaura.com\\\/wp-content\\\/uploads\\\/2018\\\/10\\\/Mercagava-14.jpg&quot;,&quot;title&quot;:&quot;Tancaments i vidrieria del nou mercat de Pla\\u00e7a Catalunya a Gav\\u00e0&quot;},{&quot;src&quot;:&quot;https:\\\/\\\/www.garciafaura.com\\\/wp-content\\\/uploads\\\/2018\\\/10\\\/Mercagava-13.jpg&quot;,&quot;title&quot;:&quot;Tancaments i vidrieria del nou mercat de Pla\\u00e7a Catalunya a Gav\\u00e0&quot;},{&quot;src&quot;:&quot;https:\\\/\\\/www.garciafaura.com\\\/wp-content\\\/uploads\\\/2018\\\/10\\\/Mercagava-12.jpg&quot;,&quot;title&quot;:&quot;Tancaments i vidrieria del nou mercat de Pla\\u00e7a Catalunya a Gav\\u00e0&quot;},{&quot;src&quot;:&quot;https:\\\/\\\/www.garciafaura.com\\\/wp-content\\\/uploads\\\/2018\\\/10\\\/Mercagava-11.jpg&quot;,&quot;title&quot;:&quot;Tancaments i vidrieria del nou mercat de Pla\\u00e7a Catalunya a Gav\\u00e0&quot;},{&quot;src&quot;:&quot;https:\\\/\\\/www.garciafaura.com\\\/wp-content\\\/uploads\\\/2018\\\/10\\\/Mercagava-10.jpg&quot;,&quot;title&quot;:&quot;Tancaments i vidrieria del nou mercat de Pla\\u00e7a Catalunya a Gav\\u00e0&quot;},{&quot;src&quot;:&quot;https:\\\/\\\/www.garciafaura.com\\\/wp-content\\\/uploads\\\/2018\\\/10\\\/Mercagava-09.jpg&quot;,&quot;title&quot;:&quot;Tancaments i vidrieria del nou mercat de Pla\\u00e7a Catalunya a Gav\\u00e0&quot;},{&quot;src&quot;:&quot;https:\\\/\\\/www.garciafaura.com\\\/wp-content\\\/uploads\\\/2018\\\/10\\\/Mercagava-08.jpg&quot;,&quot;title&quot;:&quot;Fermetures et vitrage pour le nouveau march\\u00e9 de la plaza Catalu\\u00f1a \\u00e0 Gav\\u00e0&quot;},{&quot;src&quot;:&quot;https:\\\/\\\/www.garciafaura.com\\\/wp-content\\\/uploads\\\/2018\\\/10\\\/Mercagava-07.jpg&quot;,&quot;title&quot;:&quot;Tancaments i vidrieria del nou mercat de Pla\\u00e7a Catalunya a Gav\\u00e0&quot;},{&quot;src&quot;:&quot;https:\\\/\\\/www.garciafaura.com\\\/wp-content\\\/uploads\\\/2018\\\/10\\\/Mercagava-06.jpg&quot;,&quot;title&quot;:&quot;Tancaments i vidrieria del nou mercat de Pla\\u00e7a Catalunya a Gav\\u00e0&quot;},{&quot;src&quot;:&quot;https:\\\/\\\/www.garciafaura.com\\\/wp-content\\\/uploads\\\/2018\\\/10\\\/Mercagava-05.jpg&quot;,&quot;title&quot;:&quot;Tancaments i vidrieria del nou mercat de Pla\\u00e7a Catalunya a Gav\\u00e0&quot;},{&quot;src&quot;:&quot;https:\\\/\\\/www.garciafaura.com\\\/wp-content\\\/uploads\\\/2018\\\/10\\\/Mercagava-04.jpg&quot;,&quot;title&quot;:&quot;Tancaments i vidrieria del nou mercat de Pla\\u00e7a Catalunya a Gav\\u00e0&quot;},{&quot;src&quot;:&quot;https:\\\/\\\/www.garciafaura.com\\\/wp-content\\\/uploads\\\/2018\\\/10\\\/Mercagava-03.jpg&quot;,&quot;title&quot;:&quot;Tancaments i vidrieria del nou mercat de Pla\\u00e7a Catalunya a Gav\\u00e0&quot;},{&quot;src&quot;:&quot;https:\\\/\\\/www.garciafaura.com\\\/wp-content\\\/uploads\\\/2018\\\/10\\\/Mercagava-02.jpg&quot;,&quot;title&quot;:&quot;Tancaments i vidrieria del nou mercat de Pla\\u00e7a Catalunya a Gav\\u00e0&quot;}]\"><img loading=\"lazy\" decoding=\"async\" data-no-lazy=\"1\" class=\"portfolio-entry-img skip-lazy\" src=\"https:\/\/www.garciafaura.com\/wp-content\/uploads\/2018\/10\/Mercagava-08-600x314.jpg\" alt=\"Fermetures Et Vitrage Pour Le Nouveau March\u00e9 De La Plaza Catalu\u00f1a \u00e0 Gav\u00e0\" data-no-retina width=\"600\" height=\"314\" \/><\/a><\/div><div class=\"portfolio-entry-details entry-details wpex-clr\"><h2 class=\"portfolio-entry-title entry-title\"><a href=\"https:\/\/www.garciafaura.com\/fr\/portfolio-item\/marche-municipal-mercagava\/\" title=\"March\u00e9 Municipal Mercagav\u00e0\">March\u00e9 Municipal Mercagav\u00e0<\/a><\/h2><div class=\"portfolio-entry-categories entry-categories wpex-clr\"><a href=\"https:\/\/www.garciafaura.com\/fr\/portfolio-category\/batiments-de-services\/\" class=\"term-75\">B\u00e2timents de Services<\/a><\/div><\/div><\/div><\/div><div class=\"portfolio-entry vcex-grid-item entry-has-details span_1_of_3 col col-2 vcex-isotope-entry vcex-no-margin-entry post-20723 entry type-portfolio has-media cat-75 translation_priority-5\"><div class=\"portfolio-entry-inner entry-inner wpex-clr\"><div class=\"portfolio-entry-media entry-media wpex-clr\"><a href=\"https:\/\/www.garciafaura.com\/wp-content\/uploads\/2018\/10\/Mercat-Guinardo-10.jpg\" title=\"March\u00e9 du Guinard\u00f3\" class=\"portfolio-entry-media-link wpex-lightbox-gallery\" data-gallery=\"[{&quot;src&quot;:&quot;https:\\\/\\\/www.garciafaura.com\\\/wp-content\\\/uploads\\\/2018\\\/10\\\/Mercat-Guinardo-01.jpg&quot;,&quot;title&quot;:&quot;Fa\\u00e7ana i tancaments en alumini i vidre&quot;},{&quot;src&quot;:&quot;https:\\\/\\\/www.garciafaura.com\\\/wp-content\\\/uploads\\\/2018\\\/10\\\/Mercat-Guinardo-19.jpg&quot;,&quot;title&quot;:&quot;Fa\\u00e7ana i tancaments en alumini i vidre&quot;},{&quot;src&quot;:&quot;https:\\\/\\\/www.garciafaura.com\\\/wp-content\\\/uploads\\\/2018\\\/10\\\/Mercat-Guinardo-18.jpg&quot;,&quot;title&quot;:&quot;Fa\\u00e7ana i tancaments en alumini i vidre&quot;},{&quot;src&quot;:&quot;https:\\\/\\\/www.garciafaura.com\\\/wp-content\\\/uploads\\\/2018\\\/10\\\/Mercat-Guinardo-17.jpg&quot;,&quot;title&quot;:&quot;Fa\\u00e7ana i tancaments en alumini i vidre&quot;},{&quot;src&quot;:&quot;https:\\\/\\\/www.garciafaura.com\\\/wp-content\\\/uploads\\\/2018\\\/10\\\/Mercat-Guinardo-16.jpg&quot;,&quot;title&quot;:&quot;Fa\\u00e7ana i tancaments en alumini i vidre&quot;},{&quot;src&quot;:&quot;https:\\\/\\\/www.garciafaura.com\\\/wp-content\\\/uploads\\\/2018\\\/10\\\/Mercat-Guinardo-15.jpg&quot;,&quot;title&quot;:&quot;Fa\\u00e7ana i tancaments en alumini i vidre&quot;},{&quot;src&quot;:&quot;https:\\\/\\\/www.garciafaura.com\\\/wp-content\\\/uploads\\\/2018\\\/10\\\/Mercat-Guinardo-14.jpg&quot;,&quot;title&quot;:&quot;Fa\\u00e7ana i tancaments en alumini i vidre&quot;},{&quot;src&quot;:&quot;https:\\\/\\\/www.garciafaura.com\\\/wp-content\\\/uploads\\\/2018\\\/10\\\/Mercat-Guinardo-13.jpg&quot;,&quot;title&quot;:&quot;Fa\\u00e7ana i tancaments en alumini i vidre&quot;},{&quot;src&quot;:&quot;https:\\\/\\\/www.garciafaura.com\\\/wp-content\\\/uploads\\\/2018\\\/10\\\/Mercat-Guinardo-12.jpg&quot;,&quot;title&quot;:&quot;Fa\\u00e7ana i tancaments en alumini i vidre&quot;},{&quot;src&quot;:&quot;https:\\\/\\\/www.garciafaura.com\\\/wp-content\\\/uploads\\\/2018\\\/10\\\/Mercat-Guinardo-11.jpg&quot;,&quot;title&quot;:&quot;Fa\\u00e7ana i tancaments en alumini i vidre&quot;},{&quot;src&quot;:&quot;https:\\\/\\\/www.garciafaura.com\\\/wp-content\\\/uploads\\\/2018\\\/10\\\/Mercat-Guinardo-10.jpg&quot;,&quot;title&quot;:&quot;Fa\\u00e7ade et fermetures en aluminium et verre&quot;},{&quot;src&quot;:&quot;https:\\\/\\\/www.garciafaura.com\\\/wp-content\\\/uploads\\\/2018\\\/10\\\/Mercat-Guinardo-09.jpg&quot;,&quot;title&quot;:&quot;Fa\\u00e7ana i tancaments en alumini i vidre&quot;},{&quot;src&quot;:&quot;https:\\\/\\\/www.garciafaura.com\\\/wp-content\\\/uploads\\\/2018\\\/10\\\/Mercat-Guinardo-08.jpg&quot;,&quot;title&quot;:&quot;Fa\\u00e7ana i tancaments en alumini i vidre&quot;},{&quot;src&quot;:&quot;https:\\\/\\\/www.garciafaura.com\\\/wp-content\\\/uploads\\\/2018\\\/10\\\/Mercat-Guinardo-07.jpg&quot;,&quot;title&quot;:&quot;Fa\\u00e7ana i tancaments en alumini i vidre&quot;},{&quot;src&quot;:&quot;https:\\\/\\\/www.garciafaura.com\\\/wp-content\\\/uploads\\\/2018\\\/10\\\/Mercat-Guinardo-06.jpg&quot;,&quot;title&quot;:&quot;Fa\\u00e7ana i tancaments en alumini i vidre&quot;},{&quot;src&quot;:&quot;https:\\\/\\\/www.garciafaura.com\\\/wp-content\\\/uploads\\\/2018\\\/10\\\/Mercat-Guinardo-05.jpg&quot;,&quot;title&quot;:&quot;Fa\\u00e7ana i tancaments en alumini i vidre&quot;},{&quot;src&quot;:&quot;https:\\\/\\\/www.garciafaura.com\\\/wp-content\\\/uploads\\\/2018\\\/10\\\/Mercat-Guinardo-04.jpg&quot;,&quot;title&quot;:&quot;Fa\\u00e7ana i tancaments en alumini i vidre&quot;},{&quot;src&quot;:&quot;https:\\\/\\\/www.garciafaura.com\\\/wp-content\\\/uploads\\\/2018\\\/10\\\/Mercat-Guinardo-03.jpg&quot;,&quot;title&quot;:&quot;Fa\\u00e7ana i tancaments en alumini i vidre&quot;},{&quot;src&quot;:&quot;https:\\\/\\\/www.garciafaura.com\\\/wp-content\\\/uploads\\\/2018\\\/10\\\/Mercat-Guinardo-02.jpg&quot;,&quot;title&quot;:&quot;Fa\\u00e7ana i tancaments en alumini i vidre&quot;}]\"><img loading=\"lazy\" decoding=\"async\" data-no-lazy=\"1\" class=\"portfolio-entry-img skip-lazy\" src=\"https:\/\/www.garciafaura.com\/wp-content\/uploads\/2018\/10\/Mercat-Guinardo-10-600x314.jpg\" alt=\"Fa\u00e7ade Et Fermetures En Aluminium Et Verre\" data-no-retina width=\"600\" height=\"314\" \/><\/a><\/div><div class=\"portfolio-entry-details entry-details wpex-clr\"><h2 class=\"portfolio-entry-title entry-title\"><a href=\"https:\/\/www.garciafaura.com\/fr\/portfolio-item\/marche-du-guinardo\/\" title=\"March\u00e9 du Guinard\u00f3\">March\u00e9 du Guinard\u00f3<\/a><\/h2><div class=\"portfolio-entry-categories entry-categories wpex-clr\"><a href=\"https:\/\/www.garciafaura.com\/fr\/portfolio-category\/batiments-de-services\/\" class=\"term-75\">B\u00e2timents de Services<\/a><\/div><\/div><\/div><\/div><div class=\"portfolio-entry vcex-grid-item entry-has-details span_1_of_3 col col-3 vcex-isotope-entry vcex-no-margin-entry post-20722 entry type-portfolio has-media cat-75 cat-92 translation_priority-5\"><div class=\"portfolio-entry-inner entry-inner wpex-clr\"><div class=\"portfolio-entry-media entry-media wpex-clr\"><a href=\"https:\/\/www.garciafaura.com\/wp-content\/uploads\/2018\/10\/Tanatori-Hospitalet-Ronda-02.jpg\" title=\"Fun\u00e9rarium L&rsquo;Hospitalet Ronda\" class=\"portfolio-entry-media-link wpex-lightbox-gallery\" data-gallery=\"[{&quot;src&quot;:&quot;https:\\\/\\\/www.garciafaura.com\\\/wp-content\\\/uploads\\\/2018\\\/10\\\/Tanatori-Hospitalet-Ronda-01.jpg&quot;,&quot;title&quot;:&quot;Tancaments d&#039;alumini, mur cortina, lluernes i mampares d&#039;aquest nou equipament&quot;},{&quot;src&quot;:&quot;https:\\\/\\\/www.garciafaura.com\\\/wp-content\\\/uploads\\\/2018\\\/10\\\/Tanatori-Hospitalet-Ronda-38.jpg&quot;,&quot;title&quot;:&quot;Tancaments d&#039;alumini, mur cortina, lluernes i mampares d&#039;aquest nou equipament&quot;},{&quot;src&quot;:&quot;https:\\\/\\\/www.garciafaura.com\\\/wp-content\\\/uploads\\\/2018\\\/10\\\/Tanatori-Hospitalet-Ronda-37.jpg&quot;,&quot;title&quot;:&quot;Tancaments d&#039;alumini, mur cortina, lluernes i mampares d&#039;aquest nou equipament&quot;},{&quot;src&quot;:&quot;https:\\\/\\\/www.garciafaura.com\\\/wp-content\\\/uploads\\\/2018\\\/10\\\/Tanatori-Hospitalet-Ronda-36.jpg&quot;,&quot;title&quot;:&quot;Tancaments d&#039;alumini, mur cortina, lluernes i mampares d&#039;aquest nou equipament&quot;},{&quot;src&quot;:&quot;https:\\\/\\\/www.garciafaura.com\\\/wp-content\\\/uploads\\\/2018\\\/10\\\/Tanatori-Hospitalet-Ronda-35.jpg&quot;,&quot;title&quot;:&quot;Tancaments d&#039;alumini, mur cortina, lluernes i mampares d&#039;aquest nou equipament&quot;},{&quot;src&quot;:&quot;https:\\\/\\\/www.garciafaura.com\\\/wp-content\\\/uploads\\\/2018\\\/10\\\/Tanatori-Hospitalet-Ronda-34.jpg&quot;,&quot;title&quot;:&quot;Tancaments d&#039;alumini, mur cortina, lluernes i mampares d&#039;aquest nou equipament&quot;},{&quot;src&quot;:&quot;https:\\\/\\\/www.garciafaura.com\\\/wp-content\\\/uploads\\\/2018\\\/10\\\/Tanatori-Hospitalet-Ronda-33.jpg&quot;,&quot;title&quot;:&quot;Tancaments d&#039;alumini, mur cortina, lluernes i mampares d&#039;aquest nou equipament&quot;},{&quot;src&quot;:&quot;https:\\\/\\\/www.garciafaura.com\\\/wp-content\\\/uploads\\\/2018\\\/10\\\/Tanatori-Hospitalet-Ronda-32.jpg&quot;,&quot;title&quot;:&quot;Tancaments d&#039;alumini, mur cortina, lluernes i mampares d&#039;aquest nou equipament&quot;},{&quot;src&quot;:&quot;https:\\\/\\\/www.garciafaura.com\\\/wp-content\\\/uploads\\\/2018\\\/10\\\/Tanatori-Hospitalet-Ronda-31.jpg&quot;,&quot;title&quot;:&quot;Tancaments d&#039;alumini, mur cortina, lluernes i mampares d&#039;aquest nou equipament&quot;},{&quot;src&quot;:&quot;https:\\\/\\\/www.garciafaura.com\\\/wp-content\\\/uploads\\\/2018\\\/10\\\/Tanatori-Hospitalet-Ronda-30.jpg&quot;,&quot;title&quot;:&quot;Tancaments d&#039;alumini, mur cortina, lluernes i mampares d&#039;aquest nou equipament&quot;},{&quot;src&quot;:&quot;https:\\\/\\\/www.garciafaura.com\\\/wp-content\\\/uploads\\\/2018\\\/10\\\/Tanatori-Hospitalet-Ronda-29.jpg&quot;,&quot;title&quot;:&quot;Tancaments d&#039;alumini, mur cortina, lluernes i mampares d&#039;aquest nou equipament&quot;},{&quot;src&quot;:&quot;https:\\\/\\\/www.garciafaura.com\\\/wp-content\\\/uploads\\\/2018\\\/10\\\/Tanatori-Hospitalet-Ronda-28.jpg&quot;,&quot;title&quot;:&quot;Tancaments d&#039;alumini, mur cortina, lluernes i mampares d&#039;aquest nou equipament&quot;},{&quot;src&quot;:&quot;https:\\\/\\\/www.garciafaura.com\\\/wp-content\\\/uploads\\\/2018\\\/10\\\/Tanatori-Hospitalet-Ronda-27.jpg&quot;,&quot;title&quot;:&quot;Tancaments d&#039;alumini, mur cortina, lluernes i mampares d&#039;aquest nou equipament&quot;},{&quot;src&quot;:&quot;https:\\\/\\\/www.garciafaura.com\\\/wp-content\\\/uploads\\\/2018\\\/10\\\/Tanatori-Hospitalet-Ronda-26.jpg&quot;,&quot;title&quot;:&quot;Tancaments d&#039;alumini, mur cortina, lluernes i mampares d&#039;aquest nou equipament&quot;},{&quot;src&quot;:&quot;https:\\\/\\\/www.garciafaura.com\\\/wp-content\\\/uploads\\\/2018\\\/10\\\/Tanatori-Hospitalet-Ronda-25.jpg&quot;,&quot;title&quot;:&quot;Tancaments d&#039;alumini, mur cortina, lluernes i mampares d&#039;aquest nou equipament&quot;},{&quot;src&quot;:&quot;https:\\\/\\\/www.garciafaura.com\\\/wp-content\\\/uploads\\\/2018\\\/10\\\/Tanatori-Hospitalet-Ronda-24.jpg&quot;,&quot;title&quot;:&quot;Tancaments d&#039;alumini, mur cortina, lluernes i mampares d&#039;aquest nou equipament&quot;},{&quot;src&quot;:&quot;https:\\\/\\\/www.garciafaura.com\\\/wp-content\\\/uploads\\\/2018\\\/10\\\/Tanatori-Hospitalet-Ronda-23.jpg&quot;,&quot;title&quot;:&quot;Tancaments d&#039;alumini, mur cortina, lluernes i mampares d&#039;aquest nou equipament&quot;},{&quot;src&quot;:&quot;https:\\\/\\\/www.garciafaura.com\\\/wp-content\\\/uploads\\\/2018\\\/10\\\/Tanatori-Hospitalet-Ronda-22.jpg&quot;,&quot;title&quot;:&quot;Tancaments d&#039;alumini, mur cortina, lluernes i mampares d&#039;aquest nou equipament&quot;},{&quot;src&quot;:&quot;https:\\\/\\\/www.garciafaura.com\\\/wp-content\\\/uploads\\\/2018\\\/10\\\/Tanatori-Hospitalet-Ronda-21.jpg&quot;,&quot;title&quot;:&quot;Tancaments d&#039;alumini, mur cortina, lluernes i mampares d&#039;aquest nou equipament&quot;},{&quot;src&quot;:&quot;https:\\\/\\\/www.garciafaura.com\\\/wp-content\\\/uploads\\\/2018\\\/10\\\/Tanatori-Hospitalet-Ronda-20.jpg&quot;,&quot;title&quot;:&quot;Tancaments d&#039;alumini, mur cortina, lluernes i mampares d&#039;aquest nou equipament&quot;},{&quot;src&quot;:&quot;https:\\\/\\\/www.garciafaura.com\\\/wp-content\\\/uploads\\\/2018\\\/10\\\/Tanatori-Hospitalet-Ronda-19.jpg&quot;,&quot;title&quot;:&quot;Tancaments d&#039;alumini, mur cortina, lluernes i mampares d&#039;aquest nou equipament&quot;},{&quot;src&quot;:&quot;https:\\\/\\\/www.garciafaura.com\\\/wp-content\\\/uploads\\\/2018\\\/10\\\/Tanatori-Hospitalet-Ronda-18.jpg&quot;,&quot;title&quot;:&quot;Tancaments d&#039;alumini, mur cortina, lluernes i mampares d&#039;aquest nou equipament&quot;},{&quot;src&quot;:&quot;https:\\\/\\\/www.garciafaura.com\\\/wp-content\\\/uploads\\\/2018\\\/10\\\/Tanatori-Hospitalet-Ronda-17.jpg&quot;,&quot;title&quot;:&quot;Tancaments d&#039;alumini, mur cortina, lluernes i mampares d&#039;aquest nou equipament&quot;},{&quot;src&quot;:&quot;https:\\\/\\\/www.garciafaura.com\\\/wp-content\\\/uploads\\\/2018\\\/10\\\/Tanatori-Hospitalet-Ronda-16.jpg&quot;,&quot;title&quot;:&quot;Tancaments d&#039;alumini, mur cortina, lluernes i mampares d&#039;aquest nou equipament&quot;},{&quot;src&quot;:&quot;https:\\\/\\\/www.garciafaura.com\\\/wp-content\\\/uploads\\\/2018\\\/10\\\/Tanatori-Hospitalet-Ronda-15.jpg&quot;,&quot;title&quot;:&quot;Tancaments d&#039;alumini, mur cortina, lluernes i mampares d&#039;aquest nou equipament&quot;},{&quot;src&quot;:&quot;https:\\\/\\\/www.garciafaura.com\\\/wp-content\\\/uploads\\\/2018\\\/10\\\/Tanatori-Hospitalet-Ronda-14.jpg&quot;,&quot;title&quot;:&quot;Tancaments d&#039;alumini, mur cortina, lluernes i mampares d&#039;aquest nou equipament&quot;},{&quot;src&quot;:&quot;https:\\\/\\\/www.garciafaura.com\\\/wp-content\\\/uploads\\\/2018\\\/10\\\/Tanatori-Hospitalet-Ronda-13.jpg&quot;,&quot;title&quot;:&quot;Tancaments d&#039;alumini, mur cortina, lluernes i mampares d&#039;aquest nou equipament&quot;},{&quot;src&quot;:&quot;https:\\\/\\\/www.garciafaura.com\\\/wp-content\\\/uploads\\\/2018\\\/10\\\/Tanatori-Hospitalet-Ronda-12.jpg&quot;,&quot;title&quot;:&quot;Tancaments d&#039;alumini, mur cortina, lluernes i mampares d&#039;aquest nou equipament&quot;},{&quot;src&quot;:&quot;https:\\\/\\\/www.garciafaura.com\\\/wp-content\\\/uploads\\\/2018\\\/10\\\/Tanatori-Hospitalet-Ronda-11.jpg&quot;,&quot;title&quot;:&quot;Tancaments d&#039;alumini, mur cortina, lluernes i mampares d&#039;aquest nou equipament&quot;},{&quot;src&quot;:&quot;https:\\\/\\\/www.garciafaura.com\\\/wp-content\\\/uploads\\\/2018\\\/10\\\/Tanatori-Hospitalet-Ronda-10.jpg&quot;,&quot;title&quot;:&quot;Tancaments d&#039;alumini, mur cortina, lluernes i mampares d&#039;aquest nou equipament&quot;},{&quot;src&quot;:&quot;https:\\\/\\\/www.garciafaura.com\\\/wp-content\\\/uploads\\\/2018\\\/10\\\/Tanatori-Hospitalet-Ronda-09.jpg&quot;,&quot;title&quot;:&quot;Tancaments d&#039;alumini, mur cortina, lluernes i mampares d&#039;aquest nou equipament&quot;},{&quot;src&quot;:&quot;https:\\\/\\\/www.garciafaura.com\\\/wp-content\\\/uploads\\\/2018\\\/10\\\/Tanatori-Hospitalet-Ronda-08.jpg&quot;,&quot;title&quot;:&quot;Tancaments d&#039;alumini, mur cortina, lluernes i mampares d&#039;aquest nou equipament&quot;},{&quot;src&quot;:&quot;https:\\\/\\\/www.garciafaura.com\\\/wp-content\\\/uploads\\\/2018\\\/10\\\/Tanatori-Hospitalet-Ronda-07.jpg&quot;,&quot;title&quot;:&quot;Tancaments d&#039;alumini, mur cortina, lluernes i mampares d&#039;aquest nou equipament&quot;},{&quot;src&quot;:&quot;https:\\\/\\\/www.garciafaura.com\\\/wp-content\\\/uploads\\\/2018\\\/10\\\/Tanatori-Hospitalet-Ronda-06.jpg&quot;,&quot;title&quot;:&quot;Tancaments d&#039;alumini, mur cortina, lluernes i mampares d&#039;aquest nou equipament&quot;},{&quot;src&quot;:&quot;https:\\\/\\\/www.garciafaura.com\\\/wp-content\\\/uploads\\\/2018\\\/10\\\/Tanatori-Hospitalet-Ronda-05.jpg&quot;,&quot;title&quot;:&quot;Tancaments d&#039;alumini, mur cortina, lluernes i mampares d&#039;aquest nou equipament&quot;},{&quot;src&quot;:&quot;https:\\\/\\\/www.garciafaura.com\\\/wp-content\\\/uploads\\\/2018\\\/10\\\/Tanatori-Hospitalet-Ronda-04.jpg&quot;,&quot;title&quot;:&quot;Tancaments d&#039;alumini, mur cortina, lluernes i mampares d&#039;aquest nou equipament&quot;},{&quot;src&quot;:&quot;https:\\\/\\\/www.garciafaura.com\\\/wp-content\\\/uploads\\\/2018\\\/10\\\/Tanatori-Hospitalet-Ronda-03.jpg&quot;,&quot;title&quot;:&quot;Tancaments d&#039;alumini, mur cortina, lluernes i mampares d&#039;aquest nou equipament&quot;},{&quot;src&quot;:&quot;https:\\\/\\\/www.garciafaura.com\\\/wp-content\\\/uploads\\\/2018\\\/10\\\/Tanatori-Hospitalet-Ronda-02.jpg&quot;,&quot;title&quot;:&quot;Fermetures en aluminium, mur-rideau, lucarnes et cloisons pour ce nouvel \\u00e9quipement.&quot;}]\"><img loading=\"lazy\" decoding=\"async\" data-no-lazy=\"1\" class=\"portfolio-entry-img skip-lazy\" src=\"https:\/\/www.garciafaura.com\/wp-content\/uploads\/2018\/10\/Tanatori-Hospitalet-Ronda-02-600x314.jpg\" alt=\"Fermetures En Aluminium, Mur-rideau, Lucarnes Et Cloisons Pour Ce Nouvel \u00e9quipement.\" data-no-retina width=\"600\" height=\"314\" \/><\/a><\/div><div class=\"portfolio-entry-details entry-details wpex-clr\"><h2 class=\"portfolio-entry-title entry-title\"><a href=\"https:\/\/www.garciafaura.com\/fr\/portfolio-item\/funerarium-lhospitalet-ronda\/\" title=\"Fun\u00e9rarium L&rsquo;Hospitalet Ronda\">Fun\u00e9rarium L&rsquo;Hospitalet Ronda<\/a><\/h2><div class=\"portfolio-entry-categories entry-categories wpex-clr\"><a href=\"https:\/\/www.garciafaura.com\/fr\/portfolio-category\/batiments-de-services\/\" class=\"term-75\">B\u00e2timents de Services<\/a><\/div><\/div><\/div><\/div><div class=\"portfolio-entry vcex-grid-item entry-has-details span_1_of_3 col col-1 vcex-isotope-entry vcex-no-margin-entry post-20721 entry type-portfolio has-media cat-75 translation_priority-5\"><div class=\"portfolio-entry-inner entry-inner wpex-clr\"><div class=\"portfolio-entry-media entry-media wpex-clr\"><a href=\"https:\/\/www.garciafaura.com\/wp-content\/uploads\/2018\/10\/Estacions-Sabadell-04.jpg\" title=\"Gares FGC Sabadell\" class=\"portfolio-entry-media-link wpex-lightbox-gallery\" data-gallery=\"[{&quot;src&quot;:&quot;https:\\\/\\\/www.garciafaura.com\\\/wp-content\\\/uploads\\\/2018\\\/10\\\/Estacions-Sabadell-02.jpg&quot;,&quot;title&quot;:&quot;Fa\\u00e7anes, cobertes i revestiments en xapa i composite&quot;},{&quot;src&quot;:&quot;https:\\\/\\\/www.garciafaura.com\\\/wp-content\\\/uploads\\\/2018\\\/10\\\/Estacions-Sabadell-49.jpg&quot;,&quot;title&quot;:&quot;Fa\\u00e7anes, cobertes i revestiments en xapa i composite&quot;},{&quot;src&quot;:&quot;https:\\\/\\\/www.garciafaura.com\\\/wp-content\\\/uploads\\\/2018\\\/10\\\/Estacions-Sabadell-48.jpg&quot;,&quot;title&quot;:&quot;Fa\\u00e7anes, cobertes i revestiments en xapa i composite&quot;},{&quot;src&quot;:&quot;https:\\\/\\\/www.garciafaura.com\\\/wp-content\\\/uploads\\\/2018\\\/10\\\/Estacions-Sabadell-47.jpg&quot;,&quot;title&quot;:&quot;Fa\\u00e7anes, cobertes i revestiments en xapa i composite&quot;},{&quot;src&quot;:&quot;https:\\\/\\\/www.garciafaura.com\\\/wp-content\\\/uploads\\\/2018\\\/10\\\/Estacions-Sabadell-46.jpg&quot;,&quot;title&quot;:&quot;Fa\\u00e7anes, cobertes i revestiments en xapa i composite&quot;},{&quot;src&quot;:&quot;https:\\\/\\\/www.garciafaura.com\\\/wp-content\\\/uploads\\\/2018\\\/10\\\/Estacions-Sabadell-45.jpg&quot;,&quot;title&quot;:&quot;Fa\\u00e7anes, cobertes i revestiments en xapa i composite&quot;},{&quot;src&quot;:&quot;https:\\\/\\\/www.garciafaura.com\\\/wp-content\\\/uploads\\\/2018\\\/10\\\/Estacions-Sabadell-44.jpg&quot;,&quot;title&quot;:&quot;Fa\\u00e7anes, cobertes i revestiments en xapa i composite&quot;},{&quot;src&quot;:&quot;https:\\\/\\\/www.garciafaura.com\\\/wp-content\\\/uploads\\\/2018\\\/10\\\/Estacions-Sabadell-43.jpg&quot;,&quot;title&quot;:&quot;Fa\\u00e7anes, cobertes i revestiments en xapa i composite&quot;},{&quot;src&quot;:&quot;https:\\\/\\\/www.garciafaura.com\\\/wp-content\\\/uploads\\\/2018\\\/10\\\/Estacions-Sabadell-42.jpg&quot;},{&quot;src&quot;:&quot;https:\\\/\\\/www.garciafaura.com\\\/wp-content\\\/uploads\\\/2018\\\/10\\\/Estacions-Sabadell-41.jpg&quot;,&quot;title&quot;:&quot;Fa\\u00e7anes, cobertes i revestiments en xapa i composite&quot;},{&quot;src&quot;:&quot;https:\\\/\\\/www.garciafaura.com\\\/wp-content\\\/uploads\\\/2018\\\/10\\\/Estacions-Sabadell-40.jpg&quot;,&quot;title&quot;:&quot;Fa\\u00e7anes, cobertes i revestiments en xapa i composite&quot;},{&quot;src&quot;:&quot;https:\\\/\\\/www.garciafaura.com\\\/wp-content\\\/uploads\\\/2018\\\/10\\\/Estacions-Sabadell-39.jpg&quot;,&quot;title&quot;:&quot;Fa\\u00e7anes, cobertes i revestiments en xapa i composite&quot;},{&quot;src&quot;:&quot;https:\\\/\\\/www.garciafaura.com\\\/wp-content\\\/uploads\\\/2018\\\/10\\\/Estacions-Sabadell-38.jpg&quot;,&quot;title&quot;:&quot;Fa\\u00e7anes, cobertes i revestiments en xapa i composite&quot;},{&quot;src&quot;:&quot;https:\\\/\\\/www.garciafaura.com\\\/wp-content\\\/uploads\\\/2018\\\/10\\\/Estacions-Sabadell-37.jpg&quot;,&quot;title&quot;:&quot;Fa\\u00e7anes, cobertes i revestiments en xapa i composite&quot;},{&quot;src&quot;:&quot;https:\\\/\\\/www.garciafaura.com\\\/wp-content\\\/uploads\\\/2018\\\/10\\\/Estacions-Sabadell-36.jpg&quot;,&quot;title&quot;:&quot;Fa\\u00e7anes, cobertes i revestiments en xapa i composite&quot;},{&quot;src&quot;:&quot;https:\\\/\\\/www.garciafaura.com\\\/wp-content\\\/uploads\\\/2018\\\/10\\\/Estacions-Sabadell-35.jpg&quot;,&quot;title&quot;:&quot;Fa\\u00e7anes, cobertes i revestiments en xapa i composite&quot;},{&quot;src&quot;:&quot;https:\\\/\\\/www.garciafaura.com\\\/wp-content\\\/uploads\\\/2018\\\/10\\\/Estacions-Sabadell-34.jpg&quot;,&quot;title&quot;:&quot;Fa\\u00e7anes, cobertes i revestiments en xapa i composite&quot;},{&quot;src&quot;:&quot;https:\\\/\\\/www.garciafaura.com\\\/wp-content\\\/uploads\\\/2018\\\/10\\\/Estacions-Sabadell-33.jpg&quot;,&quot;title&quot;:&quot;Fa\\u00e7anes, cobertes i revestiments en xapa i composite&quot;},{&quot;src&quot;:&quot;https:\\\/\\\/www.garciafaura.com\\\/wp-content\\\/uploads\\\/2018\\\/10\\\/Estacions-Sabadell-32.jpg&quot;,&quot;title&quot;:&quot;Fa\\u00e7anes, cobertes i revestiments en xapa i composite&quot;},{&quot;src&quot;:&quot;https:\\\/\\\/www.garciafaura.com\\\/wp-content\\\/uploads\\\/2018\\\/10\\\/Estacions-Sabadell-31.jpg&quot;,&quot;title&quot;:&quot;Fa\\u00e7anes, cobertes i revestiments en xapa i composite&quot;},{&quot;src&quot;:&quot;https:\\\/\\\/www.garciafaura.com\\\/wp-content\\\/uploads\\\/2018\\\/10\\\/Estacions-Sabadell-30.jpg&quot;,&quot;title&quot;:&quot;Fa\\u00e7anes, cobertes i revestiments en xapa i composite&quot;},{&quot;src&quot;:&quot;https:\\\/\\\/www.garciafaura.com\\\/wp-content\\\/uploads\\\/2018\\\/10\\\/Estacions-Sabadell-29.jpg&quot;,&quot;title&quot;:&quot;Fa\\u00e7anes, cobertes i revestiments en xapa i composite&quot;},{&quot;src&quot;:&quot;https:\\\/\\\/www.garciafaura.com\\\/wp-content\\\/uploads\\\/2018\\\/10\\\/Estacions-Sabadell-28.jpg&quot;},{&quot;src&quot;:&quot;https:\\\/\\\/www.garciafaura.com\\\/wp-content\\\/uploads\\\/2018\\\/10\\\/Estacions-Sabadell-27.jpg&quot;},{&quot;src&quot;:&quot;https:\\\/\\\/www.garciafaura.com\\\/wp-content\\\/uploads\\\/2018\\\/10\\\/Estacions-Sabadell-26.jpg&quot;,&quot;title&quot;:&quot;Fa\\u00e7anes, cobertes i revestiments en xapa i composite&quot;},{&quot;src&quot;:&quot;https:\\\/\\\/www.garciafaura.com\\\/wp-content\\\/uploads\\\/2018\\\/10\\\/Estacions-Sabadell-25.jpg&quot;,&quot;title&quot;:&quot;Fa\\u00e7anes, cobertes i revestiments en xapa i composite&quot;},{&quot;src&quot;:&quot;https:\\\/\\\/www.garciafaura.com\\\/wp-content\\\/uploads\\\/2018\\\/10\\\/Estacions-Sabadell-24.jpg&quot;,&quot;title&quot;:&quot;Fa\\u00e7anes, cobertes i revestiments en xapa i composite&quot;},{&quot;src&quot;:&quot;https:\\\/\\\/www.garciafaura.com\\\/wp-content\\\/uploads\\\/2018\\\/10\\\/Estacions-Sabadell-23.jpg&quot;,&quot;title&quot;:&quot;Fa\\u00e7anes, cobertes i revestiments en xapa i composite&quot;},{&quot;src&quot;:&quot;https:\\\/\\\/www.garciafaura.com\\\/wp-content\\\/uploads\\\/2018\\\/10\\\/Estacions-Sabadell-22.jpg&quot;,&quot;title&quot;:&quot;Fa\\u00e7anes, cobertes i revestiments en xapa i composite&quot;},{&quot;src&quot;:&quot;https:\\\/\\\/www.garciafaura.com\\\/wp-content\\\/uploads\\\/2018\\\/10\\\/Estacions-Sabadell-21.jpg&quot;,&quot;title&quot;:&quot;Fa\\u00e7anes, cobertes i revestiments en xapa i composite&quot;},{&quot;src&quot;:&quot;https:\\\/\\\/www.garciafaura.com\\\/wp-content\\\/uploads\\\/2018\\\/10\\\/Estacions-Sabadell-20.jpg&quot;,&quot;title&quot;:&quot;Fa\\u00e7anes, cobertes i revestiments en xapa i composite&quot;},{&quot;src&quot;:&quot;https:\\\/\\\/www.garciafaura.com\\\/wp-content\\\/uploads\\\/2018\\\/10\\\/Estacions-Sabadell-19.jpg&quot;,&quot;title&quot;:&quot;Fa\\u00e7anes, cobertes i revestiments en xapa i composite&quot;},{&quot;src&quot;:&quot;https:\\\/\\\/www.garciafaura.com\\\/wp-content\\\/uploads\\\/2018\\\/10\\\/Estacions-Sabadell-18.jpg&quot;,&quot;title&quot;:&quot;Fa\\u00e7anes, cobertes i revestiments en xapa i composite&quot;},{&quot;src&quot;:&quot;https:\\\/\\\/www.garciafaura.com\\\/wp-content\\\/uploads\\\/2018\\\/10\\\/Estacions-Sabadell-17.jpg&quot;,&quot;title&quot;:&quot;Fa\\u00e7anes, cobertes i revestiments en xapa i composite&quot;},{&quot;src&quot;:&quot;https:\\\/\\\/www.garciafaura.com\\\/wp-content\\\/uploads\\\/2018\\\/10\\\/Estacions-Sabadell-16.jpg&quot;,&quot;title&quot;:&quot;Fa\\u00e7anes, cobertes i revestiments en xapa i composite&quot;},{&quot;src&quot;:&quot;https:\\\/\\\/www.garciafaura.com\\\/wp-content\\\/uploads\\\/2018\\\/10\\\/Estacions-Sabadell-15.jpg&quot;},{&quot;src&quot;:&quot;https:\\\/\\\/www.garciafaura.com\\\/wp-content\\\/uploads\\\/2018\\\/10\\\/Estacions-Sabadell-14.jpg&quot;,&quot;title&quot;:&quot;Fa\\u00e7anes, cobertes i revestiments en xapa i composite&quot;},{&quot;src&quot;:&quot;https:\\\/\\\/www.garciafaura.com\\\/wp-content\\\/uploads\\\/2018\\\/10\\\/Estacions-Sabadell-13.jpg&quot;,&quot;title&quot;:&quot;Fa\\u00e7anes, cobertes i revestiments en xapa i composite&quot;},{&quot;src&quot;:&quot;https:\\\/\\\/www.garciafaura.com\\\/wp-content\\\/uploads\\\/2018\\\/10\\\/Estacions-Sabadell-12.jpg&quot;,&quot;title&quot;:&quot;Fa\\u00e7anes, cobertes i revestiments en xapa i composite&quot;},{&quot;src&quot;:&quot;https:\\\/\\\/www.garciafaura.com\\\/wp-content\\\/uploads\\\/2018\\\/10\\\/Estacions-Sabadell-11.jpg&quot;,&quot;title&quot;:&quot;Fa\\u00e7anes, cobertes i revestiments en xapa i composite&quot;},{&quot;src&quot;:&quot;https:\\\/\\\/www.garciafaura.com\\\/wp-content\\\/uploads\\\/2018\\\/10\\\/Estacions-Sabadell-10.jpg&quot;,&quot;title&quot;:&quot;Fa\\u00e7anes, cobertes i revestiments en xapa i composite&quot;},{&quot;src&quot;:&quot;https:\\\/\\\/www.garciafaura.com\\\/wp-content\\\/uploads\\\/2018\\\/10\\\/Estacions-Sabadell-09.jpg&quot;,&quot;title&quot;:&quot;Fa\\u00e7anes, cobertes i revestiments en xapa i composite&quot;},{&quot;src&quot;:&quot;https:\\\/\\\/www.garciafaura.com\\\/wp-content\\\/uploads\\\/2018\\\/10\\\/Estacions-Sabadell-08.jpg&quot;},{&quot;src&quot;:&quot;https:\\\/\\\/www.garciafaura.com\\\/wp-content\\\/uploads\\\/2018\\\/10\\\/Estacions-Sabadell-07.jpg&quot;},{&quot;src&quot;:&quot;https:\\\/\\\/www.garciafaura.com\\\/wp-content\\\/uploads\\\/2018\\\/10\\\/Estacions-Sabadell-06.jpg&quot;,&quot;title&quot;:&quot;Fa\\u00e7anes, cobertes i revestiments en xapa i composite&quot;},{&quot;src&quot;:&quot;https:\\\/\\\/www.garciafaura.com\\\/wp-content\\\/uploads\\\/2018\\\/10\\\/Estacions-Sabadell-05.jpg&quot;,&quot;title&quot;:&quot;Fa\\u00e7anes, cobertes i revestiments en xapa i composite&quot;},{&quot;src&quot;:&quot;https:\\\/\\\/www.garciafaura.com\\\/wp-content\\\/uploads\\\/2018\\\/10\\\/Estacions-Sabadell-04.jpg&quot;,&quot;title&quot;:&quot;Fa\\u00e7ades, toitures et rev\\u00eatements en t\\u00f4le et composite&quot;},{&quot;src&quot;:&quot;https:\\\/\\\/www.garciafaura.com\\\/wp-content\\\/uploads\\\/2018\\\/10\\\/Estacions-Sabadell-03.jpg&quot;,&quot;title&quot;:&quot;Fa\\u00e7anes, cobertes i revestiments en xapa i composite&quot;},{&quot;src&quot;:&quot;https:\\\/\\\/www.garciafaura.com\\\/wp-content\\\/uploads\\\/2018\\\/10\\\/Estacions-Sabadell-01.jpg&quot;,&quot;title&quot;:&quot;Fa\\u00e7anes, cobertes i revestiments en xapa i composite&quot;}]\"><img loading=\"lazy\" decoding=\"async\" data-no-lazy=\"1\" class=\"portfolio-entry-img skip-lazy\" src=\"https:\/\/www.garciafaura.com\/wp-content\/uploads\/2018\/10\/Estacions-Sabadell-04-600x314.jpg\" alt=\"Fa\u00e7ades, Toitures Et Rev\u00eatements En T\u00f4le Et Composite\" data-no-retina width=\"600\" height=\"314\" \/><\/a><\/div><div class=\"portfolio-entry-details entry-details wpex-clr\"><h2 class=\"portfolio-entry-title entry-title\"><a href=\"https:\/\/www.garciafaura.com\/fr\/portfolio-item\/gares-fgc-sabadell\/\" title=\"Gares FGC Sabadell\">Gares FGC Sabadell<\/a><\/h2><div class=\"portfolio-entry-categories entry-categories wpex-clr\"><a href=\"https:\/\/www.garciafaura.com\/fr\/portfolio-category\/batiments-de-services\/\" class=\"term-75\">B\u00e2timents de Services<\/a><\/div><\/div><\/div><\/div><div class=\"portfolio-entry vcex-grid-item entry-has-details span_1_of_3 col col-2 vcex-isotope-entry vcex-no-margin-entry post-20719 entry type-portfolio has-media cat-75 translation_priority-5\"><div class=\"portfolio-entry-inner entry-inner wpex-clr\"><div class=\"portfolio-entry-media entry-media wpex-clr\"><a href=\"https:\/\/www.garciafaura.com\/wp-content\/uploads\/2018\/10\/UPC-Diagonal-04.jpg\" title=\"Campus UPC Diagonal Bes\u00f2s\" class=\"portfolio-entry-media-link wpex-lightbox-gallery\" data-gallery=\"[{&quot;src&quot;:&quot;https:\\\/\\\/www.garciafaura.com\\\/wp-content\\\/uploads\\\/2018\\\/10\\\/UPC-Diagonal-02.jpg&quot;,&quot;title&quot;:&quot;10.000 metres quadrats de tancaments d&#039;alumini i vidre&quot;},{&quot;src&quot;:&quot;https:\\\/\\\/www.garciafaura.com\\\/wp-content\\\/uploads\\\/2018\\\/10\\\/UPC-Diagonal-33.jpg&quot;,&quot;title&quot;:&quot;10.000 metres quadrats de tancaments d&#039;alumini i vidre&quot;},{&quot;src&quot;:&quot;https:\\\/\\\/www.garciafaura.com\\\/wp-content\\\/uploads\\\/2018\\\/10\\\/UPC-Diagonal-32.jpg&quot;,&quot;title&quot;:&quot;10.000 metres quadrats de tancaments d&#039;alumini i vidre&quot;},{&quot;src&quot;:&quot;https:\\\/\\\/www.garciafaura.com\\\/wp-content\\\/uploads\\\/2018\\\/10\\\/UPC-Diagonal-31.jpg&quot;,&quot;title&quot;:&quot;10.000 metres quadrats de tancaments d&#039;alumini i vidre&quot;},{&quot;src&quot;:&quot;https:\\\/\\\/www.garciafaura.com\\\/wp-content\\\/uploads\\\/2018\\\/10\\\/UPC-Diagonal-30.jpg&quot;,&quot;title&quot;:&quot;10.000 metres quadrats de tancaments d&#039;alumini i vidre&quot;},{&quot;src&quot;:&quot;https:\\\/\\\/www.garciafaura.com\\\/wp-content\\\/uploads\\\/2018\\\/10\\\/UPC-Diagonal-29.jpg&quot;,&quot;title&quot;:&quot;10.000 metres quadrats de tancaments d&#039;alumini i vidre&quot;},{&quot;src&quot;:&quot;https:\\\/\\\/www.garciafaura.com\\\/wp-content\\\/uploads\\\/2018\\\/10\\\/UPC-Diagonal-28.jpg&quot;,&quot;title&quot;:&quot;10.000 metres quadrats de tancaments d&#039;alumini i vidre&quot;},{&quot;src&quot;:&quot;https:\\\/\\\/www.garciafaura.com\\\/wp-content\\\/uploads\\\/2018\\\/10\\\/UPC-Diagonal-27.jpg&quot;,&quot;title&quot;:&quot;10.000 metres quadrats de tancaments d&#039;alumini i vidre&quot;},{&quot;src&quot;:&quot;https:\\\/\\\/www.garciafaura.com\\\/wp-content\\\/uploads\\\/2018\\\/10\\\/UPC-Diagonal-26.jpg&quot;,&quot;title&quot;:&quot;10.000 metres quadrats de tancaments d&#039;alumini i vidre&quot;},{&quot;src&quot;:&quot;https:\\\/\\\/www.garciafaura.com\\\/wp-content\\\/uploads\\\/2018\\\/10\\\/UPC-Diagonal-25.jpg&quot;,&quot;title&quot;:&quot;10.000 metres quadrats de tancaments d&#039;alumini i vidre&quot;},{&quot;src&quot;:&quot;https:\\\/\\\/www.garciafaura.com\\\/wp-content\\\/uploads\\\/2018\\\/10\\\/UPC-Diagonal-24.jpg&quot;,&quot;title&quot;:&quot;10.000 metres quadrats de tancaments d&#039;alumini i vidre&quot;},{&quot;src&quot;:&quot;https:\\\/\\\/www.garciafaura.com\\\/wp-content\\\/uploads\\\/2018\\\/10\\\/UPC-Diagonal-23.jpg&quot;,&quot;title&quot;:&quot;10.000 metres quadrats de tancaments d&#039;alumini i vidre&quot;},{&quot;src&quot;:&quot;https:\\\/\\\/www.garciafaura.com\\\/wp-content\\\/uploads\\\/2018\\\/10\\\/UPC-Diagonal-22.jpg&quot;,&quot;title&quot;:&quot;10.000 metres quadrats de tancaments d&#039;alumini i vidre&quot;},{&quot;src&quot;:&quot;https:\\\/\\\/www.garciafaura.com\\\/wp-content\\\/uploads\\\/2018\\\/10\\\/UPC-Diagonal-21.jpg&quot;,&quot;title&quot;:&quot;10.000 metres quadrats de tancaments d&#039;alumini i vidre&quot;},{&quot;src&quot;:&quot;https:\\\/\\\/www.garciafaura.com\\\/wp-content\\\/uploads\\\/2018\\\/10\\\/UPC-Diagonal-20.jpg&quot;,&quot;title&quot;:&quot;10.000 metres quadrats de tancaments d&#039;alumini i vidre&quot;},{&quot;src&quot;:&quot;https:\\\/\\\/www.garciafaura.com\\\/wp-content\\\/uploads\\\/2018\\\/10\\\/UPC-Diagonal-19.jpg&quot;,&quot;title&quot;:&quot;10.000 metres quadrats de tancaments d&#039;alumini i vidre&quot;},{&quot;src&quot;:&quot;https:\\\/\\\/www.garciafaura.com\\\/wp-content\\\/uploads\\\/2018\\\/10\\\/UPC-Diagonal-18.jpg&quot;,&quot;title&quot;:&quot;10.000 metres quadrats de tancaments d&#039;alumini i vidre&quot;},{&quot;src&quot;:&quot;https:\\\/\\\/www.garciafaura.com\\\/wp-content\\\/uploads\\\/2018\\\/10\\\/UPC-Diagonal-17.jpg&quot;,&quot;title&quot;:&quot;10.000 metres quadrats de tancaments d&#039;alumini i vidre&quot;},{&quot;src&quot;:&quot;https:\\\/\\\/www.garciafaura.com\\\/wp-content\\\/uploads\\\/2018\\\/10\\\/UPC-Diagonal-16.jpg&quot;,&quot;title&quot;:&quot;10.000 metres quadrats de tancaments d&#039;alumini i vidre&quot;},{&quot;src&quot;:&quot;https:\\\/\\\/www.garciafaura.com\\\/wp-content\\\/uploads\\\/2018\\\/10\\\/UPC-Diagonal-15.jpg&quot;,&quot;title&quot;:&quot;10.000 metres quadrats de tancaments d&#039;alumini i vidre&quot;},{&quot;src&quot;:&quot;https:\\\/\\\/www.garciafaura.com\\\/wp-content\\\/uploads\\\/2018\\\/10\\\/UPC-Diagonal-14.jpg&quot;,&quot;title&quot;:&quot;10.000 metres quadrats de tancaments d&#039;alumini i vidre&quot;},{&quot;src&quot;:&quot;https:\\\/\\\/www.garciafaura.com\\\/wp-content\\\/uploads\\\/2018\\\/10\\\/UPC-Diagonal-13.jpg&quot;,&quot;title&quot;:&quot;10.000 metres quadrats de tancaments d&#039;alumini i vidre&quot;},{&quot;src&quot;:&quot;https:\\\/\\\/www.garciafaura.com\\\/wp-content\\\/uploads\\\/2018\\\/10\\\/UPC-Diagonal-12.jpg&quot;,&quot;title&quot;:&quot;10.000 metres quadrats de tancaments d&#039;alumini i vidre&quot;},{&quot;src&quot;:&quot;https:\\\/\\\/www.garciafaura.com\\\/wp-content\\\/uploads\\\/2018\\\/10\\\/UPC-Diagonal-11.jpg&quot;,&quot;title&quot;:&quot;10.000 metres quadrats de tancaments d&#039;alumini i vidre&quot;},{&quot;src&quot;:&quot;https:\\\/\\\/www.garciafaura.com\\\/wp-content\\\/uploads\\\/2018\\\/10\\\/UPC-Diagonal-10.jpg&quot;,&quot;title&quot;:&quot;10.000 metres quadrats de tancaments d&#039;alumini i vidre&quot;},{&quot;src&quot;:&quot;https:\\\/\\\/www.garciafaura.com\\\/wp-content\\\/uploads\\\/2018\\\/10\\\/UPC-Diagonal-09.jpg&quot;,&quot;title&quot;:&quot;10.000 metres quadrats de tancaments d&#039;alumini i vidre&quot;},{&quot;src&quot;:&quot;https:\\\/\\\/www.garciafaura.com\\\/wp-content\\\/uploads\\\/2018\\\/10\\\/UPC-Diagonal-08.jpg&quot;,&quot;title&quot;:&quot;10.000 metres quadrats de tancaments d&#039;alumini i vidre&quot;},{&quot;src&quot;:&quot;https:\\\/\\\/www.garciafaura.com\\\/wp-content\\\/uploads\\\/2018\\\/10\\\/UPC-Diagonal-07.jpg&quot;,&quot;title&quot;:&quot;10.000 metres quadrats de tancaments d&#039;alumini i vidre&quot;},{&quot;src&quot;:&quot;https:\\\/\\\/www.garciafaura.com\\\/wp-content\\\/uploads\\\/2018\\\/10\\\/UPC-Diagonal-06.jpg&quot;,&quot;title&quot;:&quot;10.000 metres quadrats de tancaments d&#039;alumini i vidre&quot;},{&quot;src&quot;:&quot;https:\\\/\\\/www.garciafaura.com\\\/wp-content\\\/uploads\\\/2018\\\/10\\\/UPC-Diagonal-05.jpg&quot;,&quot;title&quot;:&quot;10.000 metres quadrats de tancaments d&#039;alumini i vidre&quot;},{&quot;src&quot;:&quot;https:\\\/\\\/www.garciafaura.com\\\/wp-content\\\/uploads\\\/2018\\\/10\\\/UPC-Diagonal-04.jpg&quot;,&quot;title&quot;:&quot;10 000 m\\u00b2 de fermetures en aluminium et verre&quot;},{&quot;src&quot;:&quot;https:\\\/\\\/www.garciafaura.com\\\/wp-content\\\/uploads\\\/2018\\\/10\\\/UPC-Diagonal-03.jpg&quot;,&quot;title&quot;:&quot;10.000 metres quadrats de tancaments d&#039;alumini i vidre&quot;},{&quot;src&quot;:&quot;https:\\\/\\\/www.garciafaura.com\\\/wp-content\\\/uploads\\\/2018\\\/10\\\/UPC-Diagonal-01.jpg&quot;,&quot;title&quot;:&quot;10.000 metres quadrats de tancaments d&#039;alumini i vidre&quot;}]\"><img loading=\"lazy\" decoding=\"async\" data-no-lazy=\"1\" class=\"portfolio-entry-img skip-lazy\" src=\"https:\/\/www.garciafaura.com\/wp-content\/uploads\/2018\/10\/UPC-Diagonal-04-600x314.jpg\" alt=\"10 000 M\u00b2 De Fermetures En Aluminium Et Verre\" data-no-retina width=\"600\" height=\"314\" \/><\/a><\/div><div class=\"portfolio-entry-details entry-details wpex-clr\"><h2 class=\"portfolio-entry-title entry-title\"><a href=\"https:\/\/www.garciafaura.com\/fr\/portfolio-item\/campus-upc-diagonal-besos\/\" title=\"Campus UPC Diagonal Bes\u00f2s\">Campus UPC Diagonal Bes\u00f2s<\/a><\/h2><div class=\"portfolio-entry-categories entry-categories wpex-clr\"><a href=\"https:\/\/www.garciafaura.com\/fr\/portfolio-category\/batiments-de-services\/\" class=\"term-75\">B\u00e2timents de Services<\/a><\/div><\/div><\/div><\/div><div class=\"portfolio-entry vcex-grid-item entry-has-details span_1_of_3 col col-3 vcex-isotope-entry vcex-no-margin-entry post-20717 entry type-portfolio has-media cat-75 cat-90 translation_priority-5\"><div class=\"portfolio-entry-inner entry-inner wpex-clr\"><div class=\"portfolio-entry-media entry-media wpex-clr\"><a href=\"https:\/\/www.garciafaura.com\/wp-content\/uploads\/2018\/10\/Edifici-Cala\u0300bria-66-01.jpg\" title=\"Immeuble Cal\u00e0bria 66\" class=\"portfolio-entry-media-link wpex-lightbox-gallery\" data-gallery=\"[{&quot;src&quot;:&quot;https:\\\/\\\/www.garciafaura.com\\\/wp-content\\\/uploads\\\/2018\\\/10\\\/Edifici-Cala\\u0300bria-66-01.jpg&quot;,&quot;title&quot;:&quot;Fermetures ext\\u00e9rieures pour nouvel \\u00e9quipement social \\u00e0 Barcelone&quot;},{&quot;src&quot;:&quot;https:\\\/\\\/www.garciafaura.com\\\/wp-content\\\/uploads\\\/2018\\\/10\\\/Edifici-Cala\\u0300bria-66-24.jpg&quot;,&quot;title&quot;:&quot;Tancaments exteriors del nou equipament social de Barcelona&quot;},{&quot;src&quot;:&quot;https:\\\/\\\/www.garciafaura.com\\\/wp-content\\\/uploads\\\/2018\\\/10\\\/Edifici-Cala\\u0300bria-66-23.jpg&quot;,&quot;title&quot;:&quot;Tancaments exteriors del nou equipament social de Barcelona&quot;},{&quot;src&quot;:&quot;https:\\\/\\\/www.garciafaura.com\\\/wp-content\\\/uploads\\\/2018\\\/10\\\/Edifici-Cala\\u0300bria-66-22.jpg&quot;,&quot;title&quot;:&quot;Tancaments exteriors del nou equipament social de Barcelona&quot;},{&quot;src&quot;:&quot;https:\\\/\\\/www.garciafaura.com\\\/wp-content\\\/uploads\\\/2018\\\/10\\\/Edifici-Cala\\u0300bria-66-21.jpg&quot;,&quot;title&quot;:&quot;Tancaments exteriors del nou equipament social de Barcelona&quot;},{&quot;src&quot;:&quot;https:\\\/\\\/www.garciafaura.com\\\/wp-content\\\/uploads\\\/2018\\\/10\\\/Edifici-Cala\\u0300bria-66-20.jpg&quot;,&quot;title&quot;:&quot;Tancaments exteriors del nou equipament social de Barcelona&quot;},{&quot;src&quot;:&quot;https:\\\/\\\/www.garciafaura.com\\\/wp-content\\\/uploads\\\/2018\\\/10\\\/Edifici-Cala\\u0300bria-66-19.jpg&quot;,&quot;title&quot;:&quot;Tancaments exteriors del nou equipament social de Barcelona&quot;},{&quot;src&quot;:&quot;https:\\\/\\\/www.garciafaura.com\\\/wp-content\\\/uploads\\\/2018\\\/10\\\/Edifici-Cala\\u0300bria-66-18.jpg&quot;,&quot;title&quot;:&quot;Tancaments exteriors del nou equipament social de Barcelona&quot;},{&quot;src&quot;:&quot;https:\\\/\\\/www.garciafaura.com\\\/wp-content\\\/uploads\\\/2018\\\/10\\\/Edifici-Cala\\u0300bria-66-17.jpg&quot;,&quot;title&quot;:&quot;Tancaments exteriors del nou equipament social de Barcelona&quot;},{&quot;src&quot;:&quot;https:\\\/\\\/www.garciafaura.com\\\/wp-content\\\/uploads\\\/2018\\\/10\\\/Edifici-Cala\\u0300bria-66-16.jpg&quot;,&quot;title&quot;:&quot;Tancaments exteriors del nou equipament social de Barcelona&quot;},{&quot;src&quot;:&quot;https:\\\/\\\/www.garciafaura.com\\\/wp-content\\\/uploads\\\/2018\\\/10\\\/Edifici-Cala\\u0300bria-66-15.jpg&quot;,&quot;title&quot;:&quot;Tancaments exteriors del nou equipament social de Barcelona&quot;},{&quot;src&quot;:&quot;https:\\\/\\\/www.garciafaura.com\\\/wp-content\\\/uploads\\\/2018\\\/10\\\/Edifici-Cala\\u0300bria-66-13.jpg&quot;,&quot;title&quot;:&quot;Tancaments exteriors del nou equipament social de Barcelona&quot;},{&quot;src&quot;:&quot;https:\\\/\\\/www.garciafaura.com\\\/wp-content\\\/uploads\\\/2018\\\/10\\\/Edifici-Cala\\u0300bria-66-14.jpg&quot;,&quot;title&quot;:&quot;Tancaments exteriors del nou equipament social de Barcelona&quot;},{&quot;src&quot;:&quot;https:\\\/\\\/www.garciafaura.com\\\/wp-content\\\/uploads\\\/2018\\\/10\\\/Edifici-Cala\\u0300bria-66-12.jpg&quot;,&quot;title&quot;:&quot;Tancaments exteriors del nou equipament social de Barcelona&quot;},{&quot;src&quot;:&quot;https:\\\/\\\/www.garciafaura.com\\\/wp-content\\\/uploads\\\/2018\\\/10\\\/Edifici-Cala\\u0300bria-66-11.jpg&quot;,&quot;title&quot;:&quot;Tancaments exteriors del nou equipament social de Barcelona&quot;},{&quot;src&quot;:&quot;https:\\\/\\\/www.garciafaura.com\\\/wp-content\\\/uploads\\\/2018\\\/10\\\/Edifici-Cala\\u0300bria-66-10.jpg&quot;,&quot;title&quot;:&quot;Tancaments exteriors del nou equipament social de Barcelona&quot;},{&quot;src&quot;:&quot;https:\\\/\\\/www.garciafaura.com\\\/wp-content\\\/uploads\\\/2018\\\/10\\\/Edifici-Cala\\u0300bria-66-09.jpg&quot;,&quot;title&quot;:&quot;Tancaments exteriors del nou equipament social de Barcelona&quot;},{&quot;src&quot;:&quot;https:\\\/\\\/www.garciafaura.com\\\/wp-content\\\/uploads\\\/2018\\\/10\\\/Edifici-Cala\\u0300bria-66-08.jpg&quot;,&quot;title&quot;:&quot;Tancaments exteriors del nou equipament social de Barcelona&quot;},{&quot;src&quot;:&quot;https:\\\/\\\/www.garciafaura.com\\\/wp-content\\\/uploads\\\/2018\\\/10\\\/Edifici-Cala\\u0300bria-66-07.jpg&quot;,&quot;title&quot;:&quot;Tancaments exteriors del nou equipament social de Barcelona&quot;},{&quot;src&quot;:&quot;https:\\\/\\\/www.garciafaura.com\\\/wp-content\\\/uploads\\\/2018\\\/10\\\/Edifici-Cala\\u0300bria-66-06.jpg&quot;,&quot;title&quot;:&quot;Tancaments exteriors del nou equipament social de Barcelona&quot;},{&quot;src&quot;:&quot;https:\\\/\\\/www.garciafaura.com\\\/wp-content\\\/uploads\\\/2018\\\/10\\\/Edifici-Cala\\u0300bria-66-05.jpg&quot;,&quot;title&quot;:&quot;Tancaments exteriors del nou equipament social de Barcelona&quot;},{&quot;src&quot;:&quot;https:\\\/\\\/www.garciafaura.com\\\/wp-content\\\/uploads\\\/2018\\\/10\\\/Edifici-Cala\\u0300bria-66-04.jpg&quot;,&quot;title&quot;:&quot;Tancaments exteriors del nou equipament social de Barcelona&quot;},{&quot;src&quot;:&quot;https:\\\/\\\/www.garciafaura.com\\\/wp-content\\\/uploads\\\/2018\\\/10\\\/Edifici-Cala\\u0300bria-66-03.jpg&quot;,&quot;title&quot;:&quot;Tancaments exteriors del nou equipament social de Barcelona&quot;},{&quot;src&quot;:&quot;https:\\\/\\\/www.garciafaura.com\\\/wp-content\\\/uploads\\\/2018\\\/10\\\/Edifici-Cala\\u0300bria-66-02.jpg&quot;,&quot;title&quot;:&quot;Tancaments exteriors del nou equipament social de Barcelona&quot;}]\"><img loading=\"lazy\" decoding=\"async\" data-no-lazy=\"1\" class=\"portfolio-entry-img skip-lazy\" src=\"https:\/\/www.garciafaura.com\/wp-content\/uploads\/2018\/10\/Edifici-Cala\u0300bria-66-01-600x314.jpg\" alt=\"Fermetures Ext\u00e9rieures Pour Nouvel \u00e9quipement Social \u00e0 Barcelone\" data-no-retina width=\"600\" height=\"314\" \/><\/a><\/div><div class=\"portfolio-entry-details entry-details wpex-clr\"><h2 class=\"portfolio-entry-title entry-title\"><a href=\"https:\/\/www.garciafaura.com\/fr\/portfolio-item\/immeuble-calabria-66\/\" title=\"Immeuble Cal\u00e0bria 66\">Immeuble Cal\u00e0bria 66<\/a><\/h2><div class=\"portfolio-entry-categories entry-categories wpex-clr\"><a href=\"https:\/\/www.garciafaura.com\/fr\/portfolio-category\/batiments-de-services\/\" class=\"term-75\">B\u00e2timents de Services<\/a><\/div><\/div><\/div><\/div><div class=\"portfolio-entry vcex-grid-item entry-has-details span_1_of_3 col col-1 vcex-isotope-entry vcex-no-margin-entry post-20708 entry type-portfolio has-media cat-75 cat-90 translation_priority-5\"><div class=\"portfolio-entry-inner entry-inner wpex-clr\"><div class=\"portfolio-entry-media entry-media wpex-clr\"><a href=\"https:\/\/www.garciafaura.com\/wp-content\/uploads\/2018\/10\/Rehabilitacio-Institut-Montserrat-03.jpg\" title=\"R\u00e9am\u00e9nagement \u00c9cole Montserrat\" class=\"portfolio-entry-media-link wpex-lightbox-gallery\" data-gallery=\"[{&quot;src&quot;:&quot;https:\\\/\\\/www.garciafaura.com\\\/wp-content\\\/uploads\\\/2018\\\/10\\\/Rehabilitacio-Institut-Montserrat-03.jpg&quot;,&quot;title&quot;:&quot;R\\u00e9habilitation d&#039;un b\\u00e2timent class\\u00e9 destin\\u00e9 \\u00e0 l&#039;\\u00e9ducation \\u00e0 Martorell&quot;},{&quot;src&quot;:&quot;https:\\\/\\\/www.garciafaura.com\\\/wp-content\\\/uploads\\\/2018\\\/11\\\/Escola-Montserrat-Martorell-08.jpg&quot;,&quot;title&quot;:&quot;Rehabilitaci\\u00f3\\u00a0d&#039;edifici\\u00a0catalogat\\u00a0destinat a ensenyament a\\u00a0Martorell&quot;},{&quot;src&quot;:&quot;https:\\\/\\\/www.garciafaura.com\\\/wp-content\\\/uploads\\\/2018\\\/11\\\/Escola-Montserrat-Martorell-07.jpg&quot;,&quot;title&quot;:&quot;Rehabilitaci\\u00f3\\u00a0d&#039;edifici\\u00a0catalogat\\u00a0destinat a ensenyament a\\u00a0Martorell&quot;},{&quot;src&quot;:&quot;https:\\\/\\\/www.garciafaura.com\\\/wp-content\\\/uploads\\\/2018\\\/11\\\/Escola-Montserrat-Martorell-06.jpg&quot;,&quot;title&quot;:&quot;Rehabilitaci\\u00f3\\u00a0d&#039;edifici\\u00a0catalogat\\u00a0destinat a ensenyament a\\u00a0Martorell&quot;},{&quot;src&quot;:&quot;https:\\\/\\\/www.garciafaura.com\\\/wp-content\\\/uploads\\\/2018\\\/11\\\/Escola-Montserrat-Martorell-05.jpg&quot;,&quot;title&quot;:&quot;Rehabilitaci\\u00f3\\u00a0d&#039;edifici\\u00a0catalogat\\u00a0destinat a ensenyament a\\u00a0Martorell&quot;},{&quot;src&quot;:&quot;https:\\\/\\\/www.garciafaura.com\\\/wp-content\\\/uploads\\\/2018\\\/11\\\/Escola-Montserrat-Martorell-04.jpg&quot;,&quot;title&quot;:&quot;Rehabilitaci\\u00f3\\u00a0d&#039;edifici\\u00a0catalogat\\u00a0destinat a ensenyament a\\u00a0Martorell&quot;},{&quot;src&quot;:&quot;https:\\\/\\\/www.garciafaura.com\\\/wp-content\\\/uploads\\\/2018\\\/11\\\/Escola-Montserrat-Martorell-03.jpg&quot;,&quot;title&quot;:&quot;Rehabilitaci\\u00f3\\u00a0d&#039;edifici\\u00a0catalogat\\u00a0destinat a ensenyament a\\u00a0Martorell&quot;},{&quot;src&quot;:&quot;https:\\\/\\\/www.garciafaura.com\\\/wp-content\\\/uploads\\\/2018\\\/11\\\/Escola-Montserrat-Martorell-02.jpg&quot;,&quot;title&quot;:&quot;Rehabilitaci\\u00f3\\u00a0d&#039;edifici\\u00a0catalogat\\u00a0destinat a ensenyament a\\u00a0Martorell&quot;},{&quot;src&quot;:&quot;https:\\\/\\\/www.garciafaura.com\\\/wp-content\\\/uploads\\\/2018\\\/11\\\/Escola-Montserrat-Martorell-01.jpg&quot;,&quot;title&quot;:&quot;Rehabilitaci\\u00f3\\u00a0d&#039;edifici\\u00a0catalogat\\u00a0destinat a ensenyament a\\u00a0Martorell&quot;},{&quot;src&quot;:&quot;https:\\\/\\\/www.garciafaura.com\\\/wp-content\\\/uploads\\\/2018\\\/10\\\/Rehabilitacio-Institut-Montserrat-06.jpg&quot;,&quot;title&quot;:&quot;Rehabilitaci\\u00f3\\u00a0d&#039;edifici\\u00a0catalogat\\u00a0destinat a ensenyament a\\u00a0Martorell&quot;},{&quot;src&quot;:&quot;https:\\\/\\\/www.garciafaura.com\\\/wp-content\\\/uploads\\\/2018\\\/10\\\/Rehabilitacio-Institut-Montserrat-05.jpg&quot;,&quot;title&quot;:&quot;Rehabilitaci\\u00f3\\u00a0d&#039;edifici\\u00a0catalogat\\u00a0destinat a ensenyament a\\u00a0Martorell&quot;},{&quot;src&quot;:&quot;https:\\\/\\\/www.garciafaura.com\\\/wp-content\\\/uploads\\\/2018\\\/10\\\/Rehabilitacio-Institut-Montserrat-04.jpg&quot;,&quot;title&quot;:&quot;Rehabilitaci\\u00f3\\u00a0d&#039;edifici\\u00a0catalogat\\u00a0destinat a ensenyament a\\u00a0Martorell&quot;},{&quot;src&quot;:&quot;https:\\\/\\\/www.garciafaura.com\\\/wp-content\\\/uploads\\\/2018\\\/10\\\/Rehabilitacio-Institut-Montserrat-01.jpg&quot;,&quot;title&quot;:&quot;Rehabilitaci\\u00f3\\u00a0d&#039;edifici\\u00a0catalogat\\u00a0destinat a ensenyament a\\u00a0Martorell&quot;},{&quot;src&quot;:&quot;https:\\\/\\\/www.garciafaura.com\\\/wp-content\\\/uploads\\\/2018\\\/10\\\/Rehabilitacio-Institut-Montserrat-02.jpg&quot;,&quot;title&quot;:&quot;Rehabilitaci\\u00f3\\u00a0d&#039;edifici\\u00a0catalogat\\u00a0destinat a ensenyament a\\u00a0Martorell&quot;}]\"><img loading=\"lazy\" decoding=\"async\" data-no-lazy=\"1\" class=\"portfolio-entry-img skip-lazy\" src=\"https:\/\/www.garciafaura.com\/wp-content\/uploads\/2018\/10\/Rehabilitacio-Institut-Montserrat-03-600x314.jpg\" alt=\"R\u00e9habilitation D'un B\u00e2timent Class\u00e9 Destin\u00e9 \u00e0 L'\u00e9ducation \u00e0 Martorell\" data-no-retina width=\"600\" height=\"314\" \/><\/a><\/div><div class=\"portfolio-entry-details entry-details wpex-clr\"><h2 class=\"portfolio-entry-title entry-title\"><a href=\"https:\/\/www.garciafaura.com\/fr\/portfolio-item\/reamenagement-ecole-montserrat\/\" title=\"R\u00e9am\u00e9nagement \u00c9cole Montserrat\">R\u00e9am\u00e9nagement \u00c9cole Montserrat<\/a><\/h2><div class=\"portfolio-entry-categories entry-categories wpex-clr\"><a href=\"https:\/\/www.garciafaura.com\/fr\/portfolio-category\/batiments-de-services\/\" class=\"term-75\">B\u00e2timents de Services<\/a><\/div><\/div><\/div><\/div><div class=\"portfolio-entry vcex-grid-item entry-has-details span_1_of_3 col col-2 vcex-isotope-entry vcex-no-margin-entry post-20702 entry type-portfolio has-media cat-75 translation_priority-5\"><div class=\"portfolio-entry-inner entry-inner wpex-clr\"><div class=\"portfolio-entry-media entry-media wpex-clr\"><a href=\"https:\/\/www.garciafaura.com\/wp-content\/uploads\/2018\/10\/Mercat-de-Montgat-01.jpg\" title=\"March\u00e9 de Montgat\" class=\"portfolio-entry-media-link wpex-lightbox-gallery\" data-gallery=\"[{&quot;src&quot;:&quot;https:\\\/\\\/www.garciafaura.com\\\/wp-content\\\/uploads\\\/2018\\\/10\\\/Mercat-de-Montgat-01.jpg&quot;,&quot;title&quot;:&quot;Fermetures et vitrages pour le nouveau march\\u00e9 municipal et la zone commerciale&quot;},{&quot;src&quot;:&quot;https:\\\/\\\/www.garciafaura.com\\\/wp-content\\\/uploads\\\/2018\\\/10\\\/Mercat-de-Montgat-06.jpg&quot;,&quot;title&quot;:&quot;Tancaments i vidrieres del nou mercat municipal i zona comercial&quot;},{&quot;src&quot;:&quot;https:\\\/\\\/www.garciafaura.com\\\/wp-content\\\/uploads\\\/2018\\\/10\\\/Mercat-de-Montgat-05.jpg&quot;,&quot;title&quot;:&quot;Tancaments i vidrieres del nou mercat municipal i zona comercial&quot;},{&quot;src&quot;:&quot;https:\\\/\\\/www.garciafaura.com\\\/wp-content\\\/uploads\\\/2018\\\/10\\\/Mercat-de-Montgat-04.jpg&quot;,&quot;title&quot;:&quot;Tancaments i vidrieres del nou mercat municipal i zona comercial&quot;},{&quot;src&quot;:&quot;https:\\\/\\\/www.garciafaura.com\\\/wp-content\\\/uploads\\\/2018\\\/10\\\/Mercat-de-Montgat-03.jpg&quot;,&quot;title&quot;:&quot;Tancaments i vidrieres del nou mercat municipal i zona comercial&quot;},{&quot;src&quot;:&quot;https:\\\/\\\/www.garciafaura.com\\\/wp-content\\\/uploads\\\/2018\\\/10\\\/Mercat-de-Montgat-02.jpg&quot;,&quot;title&quot;:&quot;Tancaments i vidrieres del nou mercat municipal i zona comercial&quot;}]\"><img loading=\"lazy\" decoding=\"async\" data-no-lazy=\"1\" class=\"portfolio-entry-img skip-lazy\" src=\"https:\/\/www.garciafaura.com\/wp-content\/uploads\/2018\/10\/Mercat-de-Montgat-01-600x314.jpg\" alt=\"Fermetures Et Vitrages Pour Le Nouveau March\u00e9 Municipal Et La Zone Commerciale\" data-no-retina width=\"600\" height=\"314\" \/><\/a><\/div><div class=\"portfolio-entry-details entry-details wpex-clr\"><h2 class=\"portfolio-entry-title entry-title\"><a href=\"https:\/\/www.garciafaura.com\/fr\/portfolio-item\/marche-de-montgat\/\" title=\"March\u00e9 de Montgat\">March\u00e9 de Montgat<\/a><\/h2><div class=\"portfolio-entry-categories entry-categories wpex-clr\"><a href=\"https:\/\/www.garciafaura.com\/fr\/portfolio-category\/batiments-de-services\/\" class=\"term-75\">B\u00e2timents de Services<\/a><\/div><\/div><\/div><\/div><div class=\"portfolio-entry vcex-grid-item entry-has-details span_1_of_3 col col-3 vcex-isotope-entry vcex-no-margin-entry post-20700 entry type-portfolio has-media cat-75 translation_priority-5\"><div class=\"portfolio-entry-inner entry-inner wpex-clr\"><div class=\"portfolio-entry-media entry-media wpex-clr\"><a href=\"https:\/\/www.garciafaura.com\/wp-content\/uploads\/2018\/10\/Aparcament-Mercabarna-03.jpg\" title=\"Parking Mercabarna\" class=\"portfolio-entry-media-link wpex-lightbox-gallery\" data-gallery=\"[{&quot;src&quot;:&quot;https:\\\/\\\/www.garciafaura.com\\\/wp-content\\\/uploads\\\/2018\\\/10\\\/Aparcament-Mercabarna-03.jpg&quot;,&quot;title&quot;:&quot;Fermetures et acc\\u00e8s aux locaux commerciaux et parking&quot;},{&quot;src&quot;:&quot;https:\\\/\\\/www.garciafaura.com\\\/wp-content\\\/uploads\\\/2018\\\/10\\\/Aparcament-Mercabarna-05.jpg&quot;,&quot;title&quot;:&quot;Tancaments i accessos locals comercials i aparcament&quot;},{&quot;src&quot;:&quot;https:\\\/\\\/www.garciafaura.com\\\/wp-content\\\/uploads\\\/2018\\\/10\\\/Aparcament-Mercabarna-04.jpg&quot;,&quot;title&quot;:&quot;Tancaments i accessos locals comercials i aparcament&quot;},{&quot;src&quot;:&quot;https:\\\/\\\/www.garciafaura.com\\\/wp-content\\\/uploads\\\/2018\\\/10\\\/Aparcament-Mercabarna-02.jpg&quot;,&quot;title&quot;:&quot;Tancaments i accessos locals comercials i aparcament&quot;},{&quot;src&quot;:&quot;https:\\\/\\\/www.garciafaura.com\\\/wp-content\\\/uploads\\\/2018\\\/10\\\/Aparcament-Mercabarna-01.jpg&quot;,&quot;title&quot;:&quot;Tancaments i accessos locals comercials i aparcament&quot;}]\"><img loading=\"lazy\" decoding=\"async\" data-no-lazy=\"1\" class=\"portfolio-entry-img skip-lazy\" src=\"https:\/\/www.garciafaura.com\/wp-content\/uploads\/2018\/10\/Aparcament-Mercabarna-03-600x314.jpg\" alt=\"Fermetures Et Acc\u00e8s Aux Locaux Commerciaux Et Parking\" data-no-retina width=\"600\" height=\"314\" \/><\/a><\/div><div class=\"portfolio-entry-details entry-details wpex-clr\"><h2 class=\"portfolio-entry-title entry-title\"><a href=\"https:\/\/www.garciafaura.com\/fr\/portfolio-item\/parking-mercabarna\/\" title=\"Parking Mercabarna\">Parking Mercabarna<\/a><\/h2><div class=\"portfolio-entry-categories entry-categories wpex-clr\"><a href=\"https:\/\/www.garciafaura.com\/fr\/portfolio-category\/batiments-de-services\/\" class=\"term-75\">B\u00e2timents de Services<\/a><\/div><\/div><\/div><\/div><div class=\"portfolio-entry vcex-grid-item entry-has-details span_1_of_3 col col-1 vcex-isotope-entry vcex-no-margin-entry post-20701 entry type-portfolio has-media cat-75 cat-90 translation_priority-5\"><div class=\"portfolio-entry-inner entry-inner wpex-clr\"><div class=\"portfolio-entry-media entry-media wpex-clr\"><a href=\"https:\/\/www.garciafaura.com\/wp-content\/uploads\/2018\/10\/Rehabilitacio-Oficines-Mercabarna-00.jpg\" title=\"Centre de Direction Mercabarna\" class=\"portfolio-entry-media-link wpex-lightbox-gallery\" data-gallery=\"[{&quot;src&quot;:&quot;https:\\\/\\\/www.garciafaura.com\\\/wp-content\\\/uploads\\\/2018\\\/10\\\/Rehabilitacio-Oficines-Mercabarna-00.jpg&quot;},{&quot;src&quot;:&quot;https:\\\/\\\/www.garciafaura.com\\\/wp-content\\\/uploads\\\/2018\\\/10\\\/Rehabilitacio-Oficines-Mercabarna-01.jpg&quot;,&quot;title&quot;:&quot;Murs cortina i tancaments correguts en rehabilitaci\\u00f3 de fa\\u00e7ana&quot;},{&quot;src&quot;:&quot;https:\\\/\\\/www.garciafaura.com\\\/wp-content\\\/uploads\\\/2018\\\/10\\\/Rehabilitacio-Oficines-Mercabarna-08.jpg&quot;,&quot;title&quot;:&quot;Murs cortina i tancaments correguts en rehabilitaci\\u00f3 de fa\\u00e7ana&quot;},{&quot;src&quot;:&quot;https:\\\/\\\/www.garciafaura.com\\\/wp-content\\\/uploads\\\/2018\\\/10\\\/Rehabilitacio-Oficines-Mercabarna-06.jpg&quot;,&quot;title&quot;:&quot;Murs cortina i tancaments correguts en rehabilitaci\\u00f3 de fa\\u00e7ana&quot;},{&quot;src&quot;:&quot;https:\\\/\\\/www.garciafaura.com\\\/wp-content\\\/uploads\\\/2018\\\/10\\\/Rehabilitacio-Oficines-Mercabarna-07.jpg&quot;,&quot;title&quot;:&quot;Murs cortina i tancaments correguts en rehabilitaci\\u00f3 de fa\\u00e7ana&quot;},{&quot;src&quot;:&quot;https:\\\/\\\/www.garciafaura.com\\\/wp-content\\\/uploads\\\/2018\\\/10\\\/Rehabilitacio-Oficines-Mercabarna-05.jpg&quot;,&quot;title&quot;:&quot;Murs cortina i tancaments correguts en rehabilitaci\\u00f3 de fa\\u00e7ana&quot;},{&quot;src&quot;:&quot;https:\\\/\\\/www.garciafaura.com\\\/wp-content\\\/uploads\\\/2018\\\/10\\\/Rehabilitacio-Oficines-Mercabarna-04.jpg&quot;,&quot;title&quot;:&quot;Murs cortina i tancaments correguts en rehabilitaci\\u00f3 de fa\\u00e7ana&quot;},{&quot;src&quot;:&quot;https:\\\/\\\/www.garciafaura.com\\\/wp-content\\\/uploads\\\/2018\\\/10\\\/Rehabilitacio-Oficines-Mercabarna-03.jpg&quot;,&quot;title&quot;:&quot;Murs cortina i tancaments correguts en rehabilitaci\\u00f3 de fa\\u00e7ana&quot;},{&quot;src&quot;:&quot;https:\\\/\\\/www.garciafaura.com\\\/wp-content\\\/uploads\\\/2018\\\/10\\\/Rehabilitacio-Oficines-Mercabarna-02.jpg&quot;,&quot;title&quot;:&quot;Murs cortina i tancaments correguts en rehabilitaci\\u00f3 de fa\\u00e7ana&quot;}]\"><img decoding=\"async\" data-no-lazy=\"1\" class=\"portfolio-entry-img skip-lazy\" src=\"https:\/\/www.garciafaura.com\/wp-content\/uploads\/2018\/10\/Rehabilitacio-Oficines-Mercabarna-00-x.jpg\" alt='' data-no-retina \/><\/a><\/div><div class=\"portfolio-entry-details entry-details wpex-clr\"><h2 class=\"portfolio-entry-title entry-title\"><a href=\"https:\/\/www.garciafaura.com\/fr\/portfolio-item\/reamenagement-centre-de-direction-mercabarna\/\" title=\"Centre de Direction Mercabarna\">Centre de Direction Mercabarna<\/a><\/h2><div class=\"portfolio-entry-categories entry-categories wpex-clr\"><a href=\"https:\/\/www.garciafaura.com\/fr\/portfolio-category\/batiments-de-services\/\" class=\"term-75\">B\u00e2timents de Services<\/a><\/div><\/div><\/div><\/div><div class=\"portfolio-entry vcex-grid-item entry-has-details span_1_of_3 col col-2 vcex-isotope-entry vcex-no-margin-entry post-20699 entry type-portfolio has-media cat-75 cat-92 cat-93 cat-95 translation_priority-5\"><div class=\"portfolio-entry-inner entry-inner wpex-clr\"><div class=\"portfolio-entry-media entry-media wpex-clr\"><a href=\"https:\/\/www.garciafaura.com\/wp-content\/uploads\/2018\/10\/Ampliacio-Facultat-Dret-UB-01.jpg\" title=\"Agrandissement Facult\u00e9 de Droit UB\" class=\"portfolio-entry-media-link wpex-lightbox-gallery\" data-gallery=\"[{&quot;src&quot;:&quot;https:\\\/\\\/www.garciafaura.com\\\/wp-content\\\/uploads\\\/2018\\\/10\\\/Ampliacio-Facultat-Dret-UB-01.jpg&quot;,&quot;title&quot;:&quot;Mur-rideau pour la nouvelle Facult\\u00e9 de Droit de l&#039;Universit\\u00e9 de Barcelone&quot;},{&quot;src&quot;:&quot;https:\\\/\\\/www.garciafaura.com\\\/wp-content\\\/uploads\\\/2018\\\/10\\\/Ampliacio-Facultat-Dret-UB-22.jpg&quot;,&quot;title&quot;:&quot;Mur cortina de\\u00a0la nova Facultat\\u00a0de Dret de la Universitat de Barcelona&quot;},{&quot;src&quot;:&quot;https:\\\/\\\/www.garciafaura.com\\\/wp-content\\\/uploads\\\/2018\\\/10\\\/Ampliacio-Facultat-Dret-UB-21.jpg&quot;,&quot;title&quot;:&quot;Mur cortina de\\u00a0la nova Facultat\\u00a0de Dret de la Universitat de Barcelona&quot;},{&quot;src&quot;:&quot;https:\\\/\\\/www.garciafaura.com\\\/wp-content\\\/uploads\\\/2018\\\/10\\\/Ampliacio-Facultat-Dret-UB-20.jpg&quot;,&quot;title&quot;:&quot;Mur cortina de\\u00a0la nova Facultat\\u00a0de Dret de la Universitat de Barcelona&quot;},{&quot;src&quot;:&quot;https:\\\/\\\/www.garciafaura.com\\\/wp-content\\\/uploads\\\/2018\\\/10\\\/Ampliacio-Facultat-Dret-UB-19.jpg&quot;,&quot;title&quot;:&quot;Mur cortina de\\u00a0la nova Facultat\\u00a0de Dret de la Universitat de Barcelona&quot;},{&quot;src&quot;:&quot;https:\\\/\\\/www.garciafaura.com\\\/wp-content\\\/uploads\\\/2018\\\/10\\\/Ampliacio-Facultat-Dret-UB-18.jpg&quot;,&quot;title&quot;:&quot;Mur cortina de\\u00a0la nova Facultat\\u00a0de Dret de la Universitat de Barcelona&quot;},{&quot;src&quot;:&quot;https:\\\/\\\/www.garciafaura.com\\\/wp-content\\\/uploads\\\/2018\\\/10\\\/Ampliacio-Facultat-Dret-UB-17.jpg&quot;,&quot;title&quot;:&quot;Mur cortina de\\u00a0la nova Facultat\\u00a0de Dret de la Universitat de Barcelona&quot;},{&quot;src&quot;:&quot;https:\\\/\\\/www.garciafaura.com\\\/wp-content\\\/uploads\\\/2018\\\/10\\\/Ampliacio-Facultat-Dret-UB-16.jpg&quot;,&quot;title&quot;:&quot;Mur cortina de\\u00a0la nova Facultat\\u00a0de Dret de la Universitat de Barcelona&quot;},{&quot;src&quot;:&quot;https:\\\/\\\/www.garciafaura.com\\\/wp-content\\\/uploads\\\/2018\\\/10\\\/Ampliacio-Facultat-Dret-UB-15.jpg&quot;,&quot;title&quot;:&quot;Mur cortina de\\u00a0la nova Facultat\\u00a0de Dret de la Universitat de Barcelona&quot;},{&quot;src&quot;:&quot;https:\\\/\\\/www.garciafaura.com\\\/wp-content\\\/uploads\\\/2018\\\/10\\\/Ampliacio-Facultat-Dret-UB-14.jpg&quot;,&quot;title&quot;:&quot;Mur cortina de\\u00a0la nova Facultat\\u00a0de Dret de la Universitat de Barcelona&quot;},{&quot;src&quot;:&quot;https:\\\/\\\/www.garciafaura.com\\\/wp-content\\\/uploads\\\/2018\\\/10\\\/Ampliacio-Facultat-Dret-UB-13.jpg&quot;,&quot;title&quot;:&quot;Mur cortina de\\u00a0la nova Facultat\\u00a0de Dret de la Universitat de Barcelona&quot;},{&quot;src&quot;:&quot;https:\\\/\\\/www.garciafaura.com\\\/wp-content\\\/uploads\\\/2018\\\/10\\\/Ampliacio-Facultat-Dret-UB-12.jpg&quot;,&quot;title&quot;:&quot;Mur cortina de\\u00a0la nova Facultat\\u00a0de Dret de la Universitat de Barcelona&quot;},{&quot;src&quot;:&quot;https:\\\/\\\/www.garciafaura.com\\\/wp-content\\\/uploads\\\/2018\\\/10\\\/Ampliacio-Facultat-Dret-UB-11.jpg&quot;,&quot;title&quot;:&quot;Mur cortina de\\u00a0la nova Facultat\\u00a0de Dret de la Universitat de Barcelona&quot;},{&quot;src&quot;:&quot;https:\\\/\\\/www.garciafaura.com\\\/wp-content\\\/uploads\\\/2018\\\/10\\\/Ampliacio-Facultat-Dret-UB-10.jpg&quot;,&quot;title&quot;:&quot;Mur cortina de\\u00a0la nova Facultat\\u00a0de Dret de la Universitat de Barcelona&quot;},{&quot;src&quot;:&quot;https:\\\/\\\/www.garciafaura.com\\\/wp-content\\\/uploads\\\/2018\\\/10\\\/Ampliacio-Facultat-Dret-UB-09.jpg&quot;,&quot;title&quot;:&quot;Mur cortina de\\u00a0la nova Facultat\\u00a0de Dret de la Universitat de Barcelona&quot;},{&quot;src&quot;:&quot;https:\\\/\\\/www.garciafaura.com\\\/wp-content\\\/uploads\\\/2018\\\/10\\\/Ampliacio-Facultat-Dret-UB-08.jpg&quot;,&quot;title&quot;:&quot;Mur cortina de\\u00a0la nova Facultat\\u00a0de Dret de la Universitat de Barcelona&quot;},{&quot;src&quot;:&quot;https:\\\/\\\/www.garciafaura.com\\\/wp-content\\\/uploads\\\/2018\\\/10\\\/Ampliacio-Facultat-Dret-UB-07.jpg&quot;,&quot;title&quot;:&quot;Mur cortina de\\u00a0la nova Facultat\\u00a0de Dret de la Universitat de Barcelona&quot;},{&quot;src&quot;:&quot;https:\\\/\\\/www.garciafaura.com\\\/wp-content\\\/uploads\\\/2018\\\/10\\\/Ampliacio-Facultat-Dret-UB-06.jpg&quot;,&quot;title&quot;:&quot;Mur cortina de\\u00a0la nova Facultat\\u00a0de Dret de la Universitat de Barcelona&quot;},{&quot;src&quot;:&quot;https:\\\/\\\/www.garciafaura.com\\\/wp-content\\\/uploads\\\/2018\\\/10\\\/Ampliacio-Facultat-Dret-UB-04.jpg&quot;,&quot;title&quot;:&quot;Mur cortina de\\u00a0la nova Facultat\\u00a0de Dret de la Universitat de Barcelona&quot;},{&quot;src&quot;:&quot;https:\\\/\\\/www.garciafaura.com\\\/wp-content\\\/uploads\\\/2018\\\/10\\\/Ampliacio-Facultat-Dret-UB-05.jpg&quot;,&quot;title&quot;:&quot;Mur cortina de\\u00a0la nova Facultat\\u00a0de Dret de la Universitat de Barcelona&quot;},{&quot;src&quot;:&quot;https:\\\/\\\/www.garciafaura.com\\\/wp-content\\\/uploads\\\/2018\\\/10\\\/Ampliacio-Facultat-Dret-UB-03.jpg&quot;,&quot;title&quot;:&quot;Mur cortina de\\u00a0la nova Facultat\\u00a0de Dret de la Universitat de Barcelona&quot;},{&quot;src&quot;:&quot;https:\\\/\\\/www.garciafaura.com\\\/wp-content\\\/uploads\\\/2018\\\/10\\\/Ampliacio-Facultat-Dret-UB-02.jpg&quot;,&quot;title&quot;:&quot;Mur cortina de\\u00a0la nova Facultat\\u00a0de Dret de la Universitat de Barcelona&quot;}]\"><img loading=\"lazy\" decoding=\"async\" data-no-lazy=\"1\" class=\"portfolio-entry-img skip-lazy\" src=\"https:\/\/www.garciafaura.com\/wp-content\/uploads\/2018\/10\/Ampliacio-Facultat-Dret-UB-01-600x314.jpg\" alt=\"Mur-rideau Pour La Nouvelle Facult\u00e9 De Droit De L'Universit\u00e9 De Barcelone\" data-no-retina width=\"600\" height=\"314\" \/><\/a><\/div><div class=\"portfolio-entry-details entry-details wpex-clr\"><h2 class=\"portfolio-entry-title entry-title\"><a href=\"https:\/\/www.garciafaura.com\/fr\/portfolio-item\/agrandissement-faculte-de-droit-ub\/\" title=\"Agrandissement Facult\u00e9 de Droit UB\">Agrandissement Facult\u00e9 de Droit UB<\/a><\/h2><div class=\"portfolio-entry-categories entry-categories wpex-clr\"><a href=\"https:\/\/www.garciafaura.com\/fr\/portfolio-category\/batiments-de-services\/\" class=\"term-75\">B\u00e2timents de Services<\/a><\/div><\/div><\/div><\/div><div class=\"portfolio-entry vcex-grid-item entry-has-details span_1_of_3 col col-3 vcex-isotope-entry vcex-no-margin-entry post-20696 entry type-portfolio has-media cat-75 translation_priority-5\"><div class=\"portfolio-entry-inner entry-inner wpex-clr\"><div class=\"portfolio-entry-media entry-media wpex-clr\"><a href=\"https:\/\/www.garciafaura.com\/wp-content\/uploads\/2018\/10\/Ampliacio-Escola-Sunion-01.jpg\" title=\"Agrandissement \u00c9cole S\u00fanion\" class=\"portfolio-entry-media-link wpex-lightbox-gallery\" data-gallery=\"[{&quot;src&quot;:&quot;https:\\\/\\\/www.garciafaura.com\\\/wp-content\\\/uploads\\\/2018\\\/10\\\/Ampliacio-Escola-Sunion-01.jpg&quot;,&quot;title&quot;:&quot;Fermetures int\\u00e9rieures et ext\\u00e9rieures pour \\u00e9tablissement scolaire \\u00e0 Barcelone&quot;},{&quot;src&quot;:&quot;https:\\\/\\\/www.garciafaura.com\\\/wp-content\\\/uploads\\\/2018\\\/10\\\/Ampliacio-Escola-Sunion-11.jpg&quot;,&quot;title&quot;:&quot;Tancaments interiors i exteriors per a centre educatiu a Barcelona&quot;},{&quot;src&quot;:&quot;https:\\\/\\\/www.garciafaura.com\\\/wp-content\\\/uploads\\\/2018\\\/10\\\/Ampliacio-Escola-Sunion-10.jpg&quot;,&quot;title&quot;:&quot;Tancaments interiors i exteriors per a centre educatiu a Barcelona&quot;},{&quot;src&quot;:&quot;https:\\\/\\\/www.garciafaura.com\\\/wp-content\\\/uploads\\\/2018\\\/10\\\/Ampliacio-Escola-Sunion-09.jpg&quot;,&quot;title&quot;:&quot;Tancaments interiors i exteriors per a centre educatiu a Barcelona&quot;},{&quot;src&quot;:&quot;https:\\\/\\\/www.garciafaura.com\\\/wp-content\\\/uploads\\\/2018\\\/10\\\/Ampliacio-Escola-Sunion-08.jpg&quot;,&quot;title&quot;:&quot;Tancaments interiors i exteriors per a centre educatiu a Barcelona&quot;},{&quot;src&quot;:&quot;https:\\\/\\\/www.garciafaura.com\\\/wp-content\\\/uploads\\\/2018\\\/10\\\/Ampliacio-Escola-Sunion-07.jpg&quot;,&quot;title&quot;:&quot;Tancaments interiors i exteriors per a centre educatiu a Barcelona&quot;},{&quot;src&quot;:&quot;https:\\\/\\\/www.garciafaura.com\\\/wp-content\\\/uploads\\\/2018\\\/10\\\/Ampliacio-Escola-Sunion-06.jpg&quot;,&quot;title&quot;:&quot;Tancaments interiors i exteriors per a centre educatiu a Barcelona&quot;},{&quot;src&quot;:&quot;https:\\\/\\\/www.garciafaura.com\\\/wp-content\\\/uploads\\\/2018\\\/10\\\/Ampliacio-Escola-Sunion-05.jpg&quot;,&quot;title&quot;:&quot;Tancaments interiors i exteriors per a centre educatiu a Barcelona&quot;},{&quot;src&quot;:&quot;https:\\\/\\\/www.garciafaura.com\\\/wp-content\\\/uploads\\\/2018\\\/10\\\/Ampliacio-Escola-Sunion-04.jpg&quot;,&quot;title&quot;:&quot;Tancaments interiors i exteriors per a centre educatiu a Barcelona&quot;},{&quot;src&quot;:&quot;https:\\\/\\\/www.garciafaura.com\\\/wp-content\\\/uploads\\\/2018\\\/10\\\/Ampliacio-Escola-Sunion-03.jpg&quot;,&quot;title&quot;:&quot;Tancaments interiors i exteriors per a centre educatiu a Barcelona&quot;},{&quot;src&quot;:&quot;https:\\\/\\\/www.garciafaura.com\\\/wp-content\\\/uploads\\\/2018\\\/10\\\/Ampliacio-Escola-Sunion-02.jpg&quot;,&quot;title&quot;:&quot;Tancaments interiors i exteriors per a centre educatiu a Barcelona&quot;}]\"><img loading=\"lazy\" decoding=\"async\" data-no-lazy=\"1\" class=\"portfolio-entry-img skip-lazy\" src=\"https:\/\/www.garciafaura.com\/wp-content\/uploads\/2018\/10\/Ampliacio-Escola-Sunion-01-600x314.jpg\" alt=\"Fermetures Int\u00e9rieures Et Ext\u00e9rieures Pour \u00e9tablissement Scolaire \u00e0 Barcelone\" data-no-retina width=\"600\" height=\"314\" \/><\/a><\/div><div class=\"portfolio-entry-details entry-details wpex-clr\"><h2 class=\"portfolio-entry-title entry-title\"><a href=\"https:\/\/www.garciafaura.com\/fr\/portfolio-item\/agrandissement-ecole-sunion\/\" title=\"Agrandissement \u00c9cole S\u00fanion\">Agrandissement \u00c9cole S\u00fanion<\/a><\/h2><div class=\"portfolio-entry-categories entry-categories wpex-clr\"><a href=\"https:\/\/www.garciafaura.com\/fr\/portfolio-category\/batiments-de-services\/\" class=\"term-75\">B\u00e2timents de Services<\/a><\/div><\/div><\/div><\/div><div class=\"portfolio-entry vcex-grid-item entry-has-details span_1_of_3 col col-1 vcex-isotope-entry vcex-no-margin-entry post-20695 entry type-portfolio has-media cat-75 translation_priority-5\"><div class=\"portfolio-entry-inner entry-inner wpex-clr\"><div class=\"portfolio-entry-media entry-media wpex-clr\"><a href=\"https:\/\/www.garciafaura.com\/wp-content\/uploads\/2018\/10\/Parroquia-Sant-Maria-de-Bonavista-02.jpg\" title=\"\u00c9glise Paroissiale Santa Maria de Bonavista\" class=\"portfolio-entry-media-link wpex-lightbox-gallery\" data-gallery=\"[{&quot;src&quot;:&quot;https:\\\/\\\/www.garciafaura.com\\\/wp-content\\\/uploads\\\/2018\\\/10\\\/Parroquia-Sant-Maria-de-Bonavista-02.jpg&quot;,&quot;title&quot;:&quot;Fermetures pour nouvelle \\u00e9glise et centre paroissial&quot;},{&quot;src&quot;:&quot;https:\\\/\\\/www.garciafaura.com\\\/wp-content\\\/uploads\\\/2018\\\/10\\\/Parroquia-Sant-Maria-de-Bonavista-10.jpg&quot;,&quot;title&quot;:&quot;Tancaments en nova esgl\\u00e9sia i centre parroquial&quot;},{&quot;src&quot;:&quot;https:\\\/\\\/www.garciafaura.com\\\/wp-content\\\/uploads\\\/2018\\\/10\\\/Parroquia-Sant-Maria-de-Bonavista-09.jpg&quot;,&quot;title&quot;:&quot;Tancaments en nova esgl\\u00e9sia i centre parroquial&quot;},{&quot;src&quot;:&quot;https:\\\/\\\/www.garciafaura.com\\\/wp-content\\\/uploads\\\/2018\\\/10\\\/Parroquia-Sant-Maria-de-Bonavista-08.jpg&quot;,&quot;title&quot;:&quot;Tancaments en nova esgl\\u00e9sia i centre parroquial&quot;},{&quot;src&quot;:&quot;https:\\\/\\\/www.garciafaura.com\\\/wp-content\\\/uploads\\\/2018\\\/10\\\/Parroquia-Sant-Maria-de-Bonavista-07.jpg&quot;,&quot;title&quot;:&quot;Tancaments en nova esgl\\u00e9sia i centre parroquial&quot;},{&quot;src&quot;:&quot;https:\\\/\\\/www.garciafaura.com\\\/wp-content\\\/uploads\\\/2018\\\/10\\\/Parroquia-Sant-Maria-de-Bonavista-06.jpg&quot;,&quot;title&quot;:&quot;Tancaments en nova esgl\\u00e9sia i centre parroquial&quot;},{&quot;src&quot;:&quot;https:\\\/\\\/www.garciafaura.com\\\/wp-content\\\/uploads\\\/2018\\\/10\\\/Parroquia-Sant-Maria-de-Bonavista-05.jpg&quot;,&quot;title&quot;:&quot;Tancaments en nova esgl\\u00e9sia i centre parroquial&quot;},{&quot;src&quot;:&quot;https:\\\/\\\/www.garciafaura.com\\\/wp-content\\\/uploads\\\/2018\\\/10\\\/Parroquia-Sant-Maria-de-Bonavista-04.jpg&quot;,&quot;title&quot;:&quot;Tancaments en nova esgl\\u00e9sia i centre parroquial&quot;},{&quot;src&quot;:&quot;https:\\\/\\\/www.garciafaura.com\\\/wp-content\\\/uploads\\\/2018\\\/10\\\/Parroquia-Sant-Maria-de-Bonavista-03.jpg&quot;,&quot;title&quot;:&quot;Tancaments en nova esgl\\u00e9sia i centre parroquial&quot;},{&quot;src&quot;:&quot;https:\\\/\\\/www.garciafaura.com\\\/wp-content\\\/uploads\\\/2018\\\/10\\\/Parroquia-Sant-Maria-de-Bonavista-01.jpg&quot;,&quot;title&quot;:&quot;Tancaments en nova esgl\\u00e9sia i centre parroquial&quot;}]\"><img loading=\"lazy\" decoding=\"async\" data-no-lazy=\"1\" class=\"portfolio-entry-img skip-lazy\" src=\"https:\/\/www.garciafaura.com\/wp-content\/uploads\/2018\/10\/Parroquia-Sant-Maria-de-Bonavista-02-600x314.jpg\" alt=\"Fermetures Pour Nouvelle \u00e9glise Et Centre Paroissial\" data-no-retina width=\"600\" height=\"314\" \/><\/a><\/div><div class=\"portfolio-entry-details entry-details wpex-clr\"><h2 class=\"portfolio-entry-title entry-title\"><a href=\"https:\/\/www.garciafaura.com\/fr\/portfolio-item\/eglise-paroissiale-santa-maria-de-bonavista\/\" title=\"\u00c9glise Paroissiale Santa Maria de Bonavista\">\u00c9glise Paroissiale Santa Maria de Bonavista<\/a><\/h2><div class=\"portfolio-entry-categories entry-categories wpex-clr\"><a href=\"https:\/\/www.garciafaura.com\/fr\/portfolio-category\/batiments-de-services\/\" class=\"term-75\">B\u00e2timents de Services<\/a><\/div><\/div><\/div><\/div><div class=\"portfolio-entry vcex-grid-item entry-has-details span_1_of_3 col col-2 vcex-isotope-entry vcex-no-margin-entry post-20694 entry type-portfolio has-media cat-75 translation_priority-5\"><div class=\"portfolio-entry-inner entry-inner wpex-clr\"><div class=\"portfolio-entry-media entry-media wpex-clr\"><a href=\"https:\/\/www.garciafaura.com\/wp-content\/uploads\/2018\/10\/Institut-La-Talaia-Segur-Calafell-01.jpg\" title=\"Lyc\u00e9e La Talaia\" class=\"portfolio-entry-media-link wpex-lightbox-gallery\" data-gallery=\"[{&quot;src&quot;:&quot;https:\\\/\\\/www.garciafaura.com\\\/wp-content\\\/uploads\\\/2018\\\/10\\\/Institut-La-Talaia-Segur-Calafell-01.jpg&quot;,&quot;title&quot;:&quot;Fermetures pour nouvel \\u00e9tablissement scolaire \\u00e0 Segur de Calafell&quot;},{&quot;src&quot;:&quot;https:\\\/\\\/www.garciafaura.com\\\/wp-content\\\/uploads\\\/2018\\\/10\\\/Institut-La-Talaia-Segur-Calafell-15.jpg&quot;,&quot;title&quot;:&quot;Tancaments del nou centre educatiu de Segur de Calafell&quot;},{&quot;src&quot;:&quot;https:\\\/\\\/www.garciafaura.com\\\/wp-content\\\/uploads\\\/2018\\\/10\\\/Institut-La-Talaia-Segur-Calafell-14.jpg&quot;,&quot;title&quot;:&quot;Tancaments del nou centre educatiu de Segur de Calafell&quot;},{&quot;src&quot;:&quot;https:\\\/\\\/www.garciafaura.com\\\/wp-content\\\/uploads\\\/2018\\\/10\\\/Institut-La-Talaia-Segur-Calafell-13.jpg&quot;,&quot;title&quot;:&quot;Tancaments del nou centre educatiu de Segur de Calafell&quot;},{&quot;src&quot;:&quot;https:\\\/\\\/www.garciafaura.com\\\/wp-content\\\/uploads\\\/2018\\\/10\\\/Institut-La-Talaia-Segur-Calafell-12.jpg&quot;,&quot;title&quot;:&quot;Tancaments del nou centre educatiu de Segur de Calafell&quot;},{&quot;src&quot;:&quot;https:\\\/\\\/www.garciafaura.com\\\/wp-content\\\/uploads\\\/2018\\\/10\\\/Institut-La-Talaia-Segur-Calafell-11.jpg&quot;,&quot;title&quot;:&quot;Tancaments del nou centre educatiu de Segur de Calafell&quot;},{&quot;src&quot;:&quot;https:\\\/\\\/www.garciafaura.com\\\/wp-content\\\/uploads\\\/2018\\\/10\\\/Institut-La-Talaia-Segur-Calafell-10.jpg&quot;,&quot;title&quot;:&quot;Tancaments del nou centre educatiu de Segur de Calafell&quot;},{&quot;src&quot;:&quot;https:\\\/\\\/www.garciafaura.com\\\/wp-content\\\/uploads\\\/2018\\\/10\\\/Institut-La-Talaia-Segur-Calafell-09.jpg&quot;,&quot;title&quot;:&quot;Tancaments del nou centre educatiu de Segur de Calafell&quot;},{&quot;src&quot;:&quot;https:\\\/\\\/www.garciafaura.com\\\/wp-content\\\/uploads\\\/2018\\\/10\\\/Institut-La-Talaia-Segur-Calafell-08.jpg&quot;,&quot;title&quot;:&quot;Tancaments del nou centre educatiu de Segur de Calafell&quot;},{&quot;src&quot;:&quot;https:\\\/\\\/www.garciafaura.com\\\/wp-content\\\/uploads\\\/2018\\\/10\\\/Institut-La-Talaia-Segur-Calafell-07.jpg&quot;,&quot;title&quot;:&quot;Tancaments del nou centre educatiu de Segur de Calafell&quot;},{&quot;src&quot;:&quot;https:\\\/\\\/www.garciafaura.com\\\/wp-content\\\/uploads\\\/2018\\\/10\\\/Institut-La-Talaia-Segur-Calafell-06.jpg&quot;,&quot;title&quot;:&quot;Tancaments del nou centre educatiu de Segur de Calafell&quot;},{&quot;src&quot;:&quot;https:\\\/\\\/www.garciafaura.com\\\/wp-content\\\/uploads\\\/2018\\\/10\\\/Institut-La-Talaia-Segur-Calafell-05.jpg&quot;,&quot;title&quot;:&quot;Tancaments del nou centre educatiu de Segur de Calafell&quot;},{&quot;src&quot;:&quot;https:\\\/\\\/www.garciafaura.com\\\/wp-content\\\/uploads\\\/2018\\\/10\\\/Institut-La-Talaia-Segur-Calafell-04.jpg&quot;,&quot;title&quot;:&quot;Tancaments del nou centre educatiu de Segur de Calafell&quot;},{&quot;src&quot;:&quot;https:\\\/\\\/www.garciafaura.com\\\/wp-content\\\/uploads\\\/2018\\\/10\\\/Institut-La-Talaia-Segur-Calafell-03.jpg&quot;,&quot;title&quot;:&quot;Tancaments del nou centre educatiu de Segur de Calafell&quot;},{&quot;src&quot;:&quot;https:\\\/\\\/www.garciafaura.com\\\/wp-content\\\/uploads\\\/2018\\\/10\\\/Institut-La-Talaia-Segur-Calafell-02.jpg&quot;,&quot;title&quot;:&quot;Tancaments del nou centre educatiu de Segur de Calafell&quot;}]\"><img loading=\"lazy\" decoding=\"async\" data-no-lazy=\"1\" class=\"portfolio-entry-img skip-lazy\" src=\"https:\/\/www.garciafaura.com\/wp-content\/uploads\/2018\/10\/Institut-La-Talaia-Segur-Calafell-01-600x314.jpg\" alt=\"Fermetures Pour Nouvel \u00e9tablissement Scolaire \u00e0 Segur De Calafell\" data-no-retina width=\"600\" height=\"314\" \/><\/a><\/div><div class=\"portfolio-entry-details entry-details wpex-clr\"><h2 class=\"portfolio-entry-title entry-title\"><a href=\"https:\/\/www.garciafaura.com\/fr\/portfolio-item\/lycee-la-talaia\/\" title=\"Lyc\u00e9e La Talaia\">Lyc\u00e9e La Talaia<\/a><\/h2><div class=\"portfolio-entry-categories entry-categories wpex-clr\"><a href=\"https:\/\/www.garciafaura.com\/fr\/portfolio-category\/batiments-de-services\/\" class=\"term-75\">B\u00e2timents de Services<\/a><\/div><\/div><\/div><\/div><div class=\"portfolio-entry vcex-grid-item entry-has-details span_1_of_3 col col-3 vcex-isotope-entry vcex-no-margin-entry post-20692 entry type-portfolio has-media cat-75 translation_priority-5\"><div class=\"portfolio-entry-inner entry-inner wpex-clr\"><div class=\"portfolio-entry-media entry-media wpex-clr\"><a href=\"https:\/\/www.garciafaura.com\/wp-content\/uploads\/2018\/10\/CAP-Moli-Nou-Sant-Boi-01.jpg\" title=\"Centre de Premiers Soins (CPS) Mol\u00ed Nou\" class=\"portfolio-entry-media-link wpex-lightbox-gallery\" data-gallery=\"[{&quot;src&quot;:&quot;https:\\\/\\\/www.garciafaura.com\\\/wp-content\\\/uploads\\\/2018\\\/10\\\/CAP-Moli-Nou-Sant-Boi-01.jpg&quot;,&quot;title&quot;:&quot;Fermetures pour le nouveau dispensaire de Sant Boi de Llobregat&quot;},{&quot;src&quot;:&quot;https:\\\/\\\/www.garciafaura.com\\\/wp-content\\\/uploads\\\/2018\\\/10\\\/CAP-Moli-Nou-Sant-Boi-15.jpg&quot;,&quot;title&quot;:&quot;Tancaments del nou ambulatori de Sant Boi de Llobregat&quot;},{&quot;src&quot;:&quot;https:\\\/\\\/www.garciafaura.com\\\/wp-content\\\/uploads\\\/2018\\\/10\\\/CAP-Moli-Nou-Sant-Boi-14.jpg&quot;,&quot;title&quot;:&quot;Tancaments del nou ambulatori de Sant Boi de Llobregat&quot;},{&quot;src&quot;:&quot;https:\\\/\\\/www.garciafaura.com\\\/wp-content\\\/uploads\\\/2018\\\/10\\\/CAP-Moli-Nou-Sant-Boi-13.jpg&quot;,&quot;title&quot;:&quot;Tancaments del nou ambulatori de Sant Boi de Llobregat&quot;},{&quot;src&quot;:&quot;https:\\\/\\\/www.garciafaura.com\\\/wp-content\\\/uploads\\\/2018\\\/10\\\/CAP-Moli-Nou-Sant-Boi-12.jpg&quot;,&quot;title&quot;:&quot;Tancaments del nou ambulatori de Sant Boi de Llobregat&quot;},{&quot;src&quot;:&quot;https:\\\/\\\/www.garciafaura.com\\\/wp-content\\\/uploads\\\/2018\\\/10\\\/CAP-Moli-Nou-Sant-Boi-11.jpg&quot;,&quot;title&quot;:&quot;Tancaments del nou ambulatori de Sant Boi de Llobregat&quot;},{&quot;src&quot;:&quot;https:\\\/\\\/www.garciafaura.com\\\/wp-content\\\/uploads\\\/2018\\\/10\\\/CAP-Moli-Nou-Sant-Boi-10.jpg&quot;,&quot;title&quot;:&quot;Tancaments del nou ambulatori de Sant Boi de Llobregat&quot;},{&quot;src&quot;:&quot;https:\\\/\\\/www.garciafaura.com\\\/wp-content\\\/uploads\\\/2018\\\/10\\\/CAP-Moli-Nou-Sant-Boi-09.jpg&quot;,&quot;title&quot;:&quot;Tancaments del nou ambulatori de Sant Boi de Llobregat&quot;},{&quot;src&quot;:&quot;https:\\\/\\\/www.garciafaura.com\\\/wp-content\\\/uploads\\\/2018\\\/10\\\/CAP-Moli-Nou-Sant-Boi-08.jpg&quot;,&quot;title&quot;:&quot;Tancaments del nou ambulatori de Sant Boi de Llobregat&quot;},{&quot;src&quot;:&quot;https:\\\/\\\/www.garciafaura.com\\\/wp-content\\\/uploads\\\/2018\\\/10\\\/CAP-Moli-Nou-Sant-Boi-07.jpg&quot;,&quot;title&quot;:&quot;Tancaments del nou ambulatori de Sant Boi de Llobregat&quot;},{&quot;src&quot;:&quot;https:\\\/\\\/www.garciafaura.com\\\/wp-content\\\/uploads\\\/2018\\\/10\\\/CAP-Moli-Nou-Sant-Boi-06.jpg&quot;,&quot;title&quot;:&quot;Tancaments del nou ambulatori de Sant Boi de Llobregat&quot;},{&quot;src&quot;:&quot;https:\\\/\\\/www.garciafaura.com\\\/wp-content\\\/uploads\\\/2018\\\/10\\\/CAP-Moli-Nou-Sant-Boi-05.jpg&quot;,&quot;title&quot;:&quot;Tancaments del nou ambulatori de Sant Boi de Llobregat&quot;},{&quot;src&quot;:&quot;https:\\\/\\\/www.garciafaura.com\\\/wp-content\\\/uploads\\\/2018\\\/10\\\/CAP-Moli-Nou-Sant-Boi-04.jpg&quot;,&quot;title&quot;:&quot;Tancaments del nou ambulatori de Sant Boi de Llobregat&quot;},{&quot;src&quot;:&quot;https:\\\/\\\/www.garciafaura.com\\\/wp-content\\\/uploads\\\/2018\\\/10\\\/CAP-Moli-Nou-Sant-Boi-03.jpg&quot;,&quot;title&quot;:&quot;Tancaments del nou ambulatori de Sant Boi de Llobregat&quot;},{&quot;src&quot;:&quot;https:\\\/\\\/www.garciafaura.com\\\/wp-content\\\/uploads\\\/2018\\\/10\\\/CAP-Moli-Nou-Sant-Boi-02.jpg&quot;,&quot;title&quot;:&quot;Tancaments del nou ambulatori de Sant Boi de Llobregat&quot;}]\"><img loading=\"lazy\" decoding=\"async\" data-no-lazy=\"1\" class=\"portfolio-entry-img skip-lazy\" src=\"https:\/\/www.garciafaura.com\/wp-content\/uploads\/2018\/10\/CAP-Moli-Nou-Sant-Boi-01-600x314.jpg\" alt=\"Fermetures Pour Le Nouveau Dispensaire De Sant Boi De Llobregat\" data-no-retina width=\"600\" height=\"314\" \/><\/a><\/div><div class=\"portfolio-entry-details entry-details wpex-clr\"><h2 class=\"portfolio-entry-title entry-title\"><a href=\"https:\/\/www.garciafaura.com\/fr\/portfolio-item\/centre-de-premiers-soins-cps-moli-nou\/\" title=\"Centre de Premiers Soins (CPS) Mol\u00ed Nou\">Centre de Premiers Soins (CPS) Mol\u00ed Nou<\/a><\/h2><div class=\"portfolio-entry-categories entry-categories wpex-clr\"><a href=\"https:\/\/www.garciafaura.com\/fr\/portfolio-category\/batiments-de-services\/\" class=\"term-75\">B\u00e2timents de Services<\/a><\/div><\/div><\/div><\/div><div class=\"portfolio-entry vcex-grid-item entry-has-details span_1_of_3 col col-1 vcex-isotope-entry vcex-no-margin-entry post-20688 entry type-portfolio has-media cat-75 cat-90 translation_priority-5\"><div class=\"portfolio-entry-inner entry-inner wpex-clr\"><div class=\"portfolio-entry-media entry-media wpex-clr\"><a href=\"https:\/\/www.garciafaura.com\/wp-content\/uploads\/2018\/10\/Escola-Pau-Casals-Rubi-01.jpg\" title=\"R\u00e9am\u00e9nagement \u00c9cole Pau Casals\" class=\"portfolio-entry-media-link wpex-lightbox-gallery\" data-gallery=\"[{&quot;src&quot;:&quot;https:\\\/\\\/www.garciafaura.com\\\/wp-content\\\/uploads\\\/2018\\\/10\\\/Escola-Pau-Casals-Rubi-01.jpg&quot;,&quot;title&quot;:&quot;R\\u00e9am\\u00e9nagement d&#039;un \\u00e9tablissement scolaire \\u00e0 Rub\\u00ed&quot;},{&quot;src&quot;:&quot;https:\\\/\\\/www.garciafaura.com\\\/wp-content\\\/uploads\\\/2018\\\/10\\\/Escola-Pau-Casals-Rubi-09.jpg&quot;,&quot;title&quot;:&quot;Rehabilitaci\\u00f3 de centre educatiu a Rub\\u00ed&quot;},{&quot;src&quot;:&quot;https:\\\/\\\/www.garciafaura.com\\\/wp-content\\\/uploads\\\/2018\\\/10\\\/Escola-Pau-Casals-Rubi-08.jpg&quot;,&quot;title&quot;:&quot;Rehabilitaci\\u00f3 de centre educatiu a Rub\\u00ed&quot;},{&quot;src&quot;:&quot;https:\\\/\\\/www.garciafaura.com\\\/wp-content\\\/uploads\\\/2018\\\/10\\\/Escola-Pau-Casals-Rubi-07.jpg&quot;,&quot;title&quot;:&quot;Rehabilitaci\\u00f3 de centre educatiu a Rub\\u00ed&quot;},{&quot;src&quot;:&quot;https:\\\/\\\/www.garciafaura.com\\\/wp-content\\\/uploads\\\/2018\\\/10\\\/Escola-Pau-Casals-Rubi-06.jpg&quot;,&quot;title&quot;:&quot;Rehabilitaci\\u00f3 de centre educatiu a Rub\\u00ed&quot;},{&quot;src&quot;:&quot;https:\\\/\\\/www.garciafaura.com\\\/wp-content\\\/uploads\\\/2018\\\/10\\\/Escola-Pau-Casals-Rubi-05.jpg&quot;,&quot;title&quot;:&quot;Rehabilitaci\\u00f3 de centre educatiu a Rub\\u00ed&quot;},{&quot;src&quot;:&quot;https:\\\/\\\/www.garciafaura.com\\\/wp-content\\\/uploads\\\/2018\\\/10\\\/Escola-Pau-Casals-Rubi-04.jpg&quot;,&quot;title&quot;:&quot;Rehabilitaci\\u00f3 de centre educatiu a Rub\\u00ed&quot;},{&quot;src&quot;:&quot;https:\\\/\\\/www.garciafaura.com\\\/wp-content\\\/uploads\\\/2018\\\/10\\\/Escola-Pau-Casals-Rubi-03.jpg&quot;,&quot;title&quot;:&quot;Rehabilitaci\\u00f3 de centre educatiu a Rub\\u00ed&quot;},{&quot;src&quot;:&quot;https:\\\/\\\/www.garciafaura.com\\\/wp-content\\\/uploads\\\/2018\\\/10\\\/Escola-Pau-Casals-Rubi-02.jpg&quot;,&quot;title&quot;:&quot;Rehabilitaci\\u00f3 de centre educatiu a Rub\\u00ed&quot;}]\"><img loading=\"lazy\" decoding=\"async\" data-no-lazy=\"1\" class=\"portfolio-entry-img skip-lazy\" src=\"https:\/\/www.garciafaura.com\/wp-content\/uploads\/2018\/10\/Escola-Pau-Casals-Rubi-01-600x314.jpg\" alt=\"R\u00e9am\u00e9nagement D'un \u00e9tablissement Scolaire \u00e0 Rub\u00ed\" data-no-retina width=\"600\" height=\"314\" \/><\/a><\/div><div class=\"portfolio-entry-details entry-details wpex-clr\"><h2 class=\"portfolio-entry-title entry-title\"><a href=\"https:\/\/www.garciafaura.com\/fr\/portfolio-item\/reamenagement-ecole-pau-casals\/\" title=\"R\u00e9am\u00e9nagement \u00c9cole Pau Casals\">R\u00e9am\u00e9nagement \u00c9cole Pau Casals<\/a><\/h2><div class=\"portfolio-entry-categories entry-categories wpex-clr\"><a href=\"https:\/\/www.garciafaura.com\/fr\/portfolio-category\/batiments-de-services\/\" class=\"term-75\">B\u00e2timents de Services<\/a><\/div><\/div><\/div><\/div><div class=\"portfolio-entry vcex-grid-item entry-has-details span_1_of_3 col col-2 vcex-isotope-entry vcex-no-margin-entry post-20682 entry type-portfolio has-media cat-75 cat-92 translation_priority-5\"><div class=\"portfolio-entry-inner entry-inner wpex-clr\"><div class=\"portfolio-entry-media entry-media wpex-clr\"><a href=\"https:\/\/www.garciafaura.com\/wp-content\/uploads\/2018\/10\/Nova-Escola-Massana-01.jpg\" title=\"Nouvelle \u00c9cole Massana\" class=\"portfolio-entry-media-link wpex-lightbox-gallery\" data-gallery=\"[{&quot;src&quot;:&quot;https:\\\/\\\/www.garciafaura.com\\\/wp-content\\\/uploads\\\/2018\\\/10\\\/Nova-Escola-Massana-01.jpg&quot;,&quot;title&quot;:&quot;Mur-rideau et fermetures pour le nouveau b\\u00e2timent du Centre d&#039;Art et Design&quot;},{&quot;src&quot;:&quot;https:\\\/\\\/www.garciafaura.com\\\/wp-content\\\/uploads\\\/2018\\\/10\\\/Nova-Escola-Massana-20.jpg&quot;,&quot;title&quot;:&quot;Mur cortina i tancaments del nou edifici del Centre d&#039;Art i Disseny&quot;},{&quot;src&quot;:&quot;https:\\\/\\\/www.garciafaura.com\\\/wp-content\\\/uploads\\\/2018\\\/10\\\/Nova-Escola-Massana-19.jpg&quot;,&quot;title&quot;:&quot;Mur cortina i tancaments del nou edifici del Centre d&#039;Art i Disseny&quot;},{&quot;src&quot;:&quot;https:\\\/\\\/www.garciafaura.com\\\/wp-content\\\/uploads\\\/2018\\\/10\\\/Nova-Escola-Massana-18.jpg&quot;,&quot;title&quot;:&quot;Mur cortina i tancaments del nou edifici del Centre d&#039;Art i Disseny&quot;},{&quot;src&quot;:&quot;https:\\\/\\\/www.garciafaura.com\\\/wp-content\\\/uploads\\\/2018\\\/10\\\/Nova-Escola-Massana-17.jpg&quot;,&quot;title&quot;:&quot;Mur cortina i tancaments del nou edifici del Centre d&#039;Art i Disseny&quot;},{&quot;src&quot;:&quot;https:\\\/\\\/www.garciafaura.com\\\/wp-content\\\/uploads\\\/2018\\\/10\\\/Nova-Escola-Massana-16.jpg&quot;,&quot;title&quot;:&quot;Mur cortina i tancaments del nou edifici del Centre d&#039;Art i Disseny&quot;},{&quot;src&quot;:&quot;https:\\\/\\\/www.garciafaura.com\\\/wp-content\\\/uploads\\\/2018\\\/10\\\/Nova-Escola-Massana-15.jpg&quot;,&quot;title&quot;:&quot;Mur cortina i tancaments del nou edifici del Centre d&#039;Art i Disseny&quot;},{&quot;src&quot;:&quot;https:\\\/\\\/www.garciafaura.com\\\/wp-content\\\/uploads\\\/2018\\\/10\\\/Nova-Escola-Massana-14.jpg&quot;,&quot;title&quot;:&quot;Mur cortina i tancaments del nou edifici del Centre d&#039;Art i Disseny&quot;},{&quot;src&quot;:&quot;https:\\\/\\\/www.garciafaura.com\\\/wp-content\\\/uploads\\\/2018\\\/10\\\/Nova-Escola-Massana-13.jpg&quot;,&quot;title&quot;:&quot;Mur cortina i tancaments del nou edifici del Centre d&#039;Art i Disseny&quot;},{&quot;src&quot;:&quot;https:\\\/\\\/www.garciafaura.com\\\/wp-content\\\/uploads\\\/2018\\\/10\\\/Nova-Escola-Massana-12.jpg&quot;,&quot;title&quot;:&quot;Mur cortina i tancaments del nou edifici del Centre d&#039;Art i Disseny&quot;},{&quot;src&quot;:&quot;https:\\\/\\\/www.garciafaura.com\\\/wp-content\\\/uploads\\\/2018\\\/10\\\/Nova-Escola-Massana-11.jpg&quot;,&quot;title&quot;:&quot;Mur cortina i tancaments del nou edifici del Centre d&#039;Art i Disseny&quot;},{&quot;src&quot;:&quot;https:\\\/\\\/www.garciafaura.com\\\/wp-content\\\/uploads\\\/2018\\\/10\\\/Nova-Escola-Massana-10.jpg&quot;,&quot;title&quot;:&quot;Mur cortina i tancaments del nou edifici del Centre d&#039;Art i Disseny&quot;},{&quot;src&quot;:&quot;https:\\\/\\\/www.garciafaura.com\\\/wp-content\\\/uploads\\\/2018\\\/10\\\/Nova-Escola-Massana-09.jpg&quot;,&quot;title&quot;:&quot;Mur cortina i tancaments del nou edifici del Centre d&#039;Art i Disseny&quot;},{&quot;src&quot;:&quot;https:\\\/\\\/www.garciafaura.com\\\/wp-content\\\/uploads\\\/2018\\\/10\\\/Nova-Escola-Massana-08.jpg&quot;,&quot;title&quot;:&quot;Mur cortina i tancaments del nou edifici del Centre d&#039;Art i Disseny&quot;},{&quot;src&quot;:&quot;https:\\\/\\\/www.garciafaura.com\\\/wp-content\\\/uploads\\\/2018\\\/10\\\/Nova-Escola-Massana-07.jpg&quot;,&quot;title&quot;:&quot;Mur cortina i tancaments del nou edifici del Centre d&#039;Art i Disseny&quot;},{&quot;src&quot;:&quot;https:\\\/\\\/www.garciafaura.com\\\/wp-content\\\/uploads\\\/2018\\\/10\\\/Nova-Escola-Massana-06.jpg&quot;,&quot;title&quot;:&quot;Mur cortina i tancaments del nou edifici del Centre d&#039;Art i Disseny&quot;},{&quot;src&quot;:&quot;https:\\\/\\\/www.garciafaura.com\\\/wp-content\\\/uploads\\\/2018\\\/10\\\/Nova-Escola-Massana-05.jpg&quot;,&quot;title&quot;:&quot;Mur cortina i tancaments del nou edifici del Centre d&#039;Art i Disseny&quot;},{&quot;src&quot;:&quot;https:\\\/\\\/www.garciafaura.com\\\/wp-content\\\/uploads\\\/2018\\\/10\\\/Nova-Escola-Massana-04.jpg&quot;,&quot;title&quot;:&quot;Mur cortina i tancaments del nou edifici del Centre d&#039;Art i Disseny&quot;},{&quot;src&quot;:&quot;https:\\\/\\\/www.garciafaura.com\\\/wp-content\\\/uploads\\\/2018\\\/10\\\/Nova-Escola-Massana-03.jpg&quot;,&quot;title&quot;:&quot;Mur cortina i tancaments del nou edifici del Centre d&#039;Art i Disseny&quot;},{&quot;src&quot;:&quot;https:\\\/\\\/www.garciafaura.com\\\/wp-content\\\/uploads\\\/2018\\\/10\\\/Nova-Escola-Massana-02.jpg&quot;,&quot;title&quot;:&quot;Mur cortina i tancaments del nou edifici del Centre d&#039;Art i Disseny&quot;}]\"><img loading=\"lazy\" decoding=\"async\" data-no-lazy=\"1\" class=\"portfolio-entry-img skip-lazy\" src=\"https:\/\/www.garciafaura.com\/wp-content\/uploads\/2018\/10\/Nova-Escola-Massana-01-600x314.jpg\" alt=\"Mur-rideau Et Fermetures Pour Le Nouveau B\u00e2timent Du Centre D'Art Et Design\" data-no-retina width=\"600\" height=\"314\" \/><\/a><\/div><div class=\"portfolio-entry-details entry-details wpex-clr\"><h2 class=\"portfolio-entry-title entry-title\"><a href=\"https:\/\/www.garciafaura.com\/fr\/portfolio-item\/nouvelle-ecole-massana\/\" title=\"Nouvelle \u00c9cole Massana\">Nouvelle \u00c9cole Massana<\/a><\/h2><div class=\"portfolio-entry-categories entry-categories wpex-clr\"><a href=\"https:\/\/www.garciafaura.com\/fr\/portfolio-category\/batiments-de-services\/\" class=\"term-75\">B\u00e2timents de Services<\/a><\/div><\/div><\/div><\/div><div class=\"portfolio-entry vcex-grid-item entry-has-details span_1_of_3 col col-3 vcex-isotope-entry vcex-no-margin-entry post-20680 entry type-portfolio has-media cat-75 translation_priority-5\"><div class=\"portfolio-entry-inner entry-inner wpex-clr\"><div class=\"portfolio-entry-media entry-media wpex-clr\"><a href=\"https:\/\/www.garciafaura.com\/wp-content\/uploads\/2018\/09\/CAP-Montbaig-Viladecans-01.jpg\" title=\"Centre de Premiers Soins (CPS) Montbaig\" class=\"portfolio-entry-media-link wpex-lightbox-gallery\" data-gallery=\"[{&quot;src&quot;:&quot;https:\\\/\\\/www.garciafaura.com\\\/wp-content\\\/uploads\\\/2018\\\/09\\\/CAP-Montbaig-Viladecans-01.jpg&quot;,&quot;title&quot;:&quot;Fermetures pour nouveau dispensaire dans le secteur Levante de Viladecans&quot;},{&quot;src&quot;:&quot;https:\\\/\\\/www.garciafaura.com\\\/wp-content\\\/uploads\\\/2018\\\/09\\\/CAP-Montbaig-Viladecans-17.jpg&quot;,&quot;title&quot;:&quot;Tancaments del nou ambulatori al Sector Llevant de Viladecans&quot;},{&quot;src&quot;:&quot;https:\\\/\\\/www.garciafaura.com\\\/wp-content\\\/uploads\\\/2018\\\/09\\\/CAP-Montbaig-Viladecans-16.jpg&quot;,&quot;title&quot;:&quot;Tancaments del nou ambulatori al Sector Llevant de Viladecans&quot;},{&quot;src&quot;:&quot;https:\\\/\\\/www.garciafaura.com\\\/wp-content\\\/uploads\\\/2018\\\/09\\\/CAP-Montbaig-Viladecans-15.jpg&quot;,&quot;title&quot;:&quot;Tancaments del nou ambulatori al Sector Llevant de Viladecans&quot;},{&quot;src&quot;:&quot;https:\\\/\\\/www.garciafaura.com\\\/wp-content\\\/uploads\\\/2018\\\/09\\\/CAP-Montbaig-Viladecans-14.jpg&quot;,&quot;title&quot;:&quot;Tancaments del nou ambulatori al Sector Llevant de Viladecans&quot;},{&quot;src&quot;:&quot;https:\\\/\\\/www.garciafaura.com\\\/wp-content\\\/uploads\\\/2018\\\/09\\\/CAP-Montbaig-Viladecans-13.jpg&quot;,&quot;title&quot;:&quot;Tancaments del nou ambulatori al Sector Llevant de Viladecans&quot;},{&quot;src&quot;:&quot;https:\\\/\\\/www.garciafaura.com\\\/wp-content\\\/uploads\\\/2018\\\/09\\\/CAP-Montbaig-Viladecans-12.jpg&quot;,&quot;title&quot;:&quot;Tancaments del nou ambulatori al Sector Llevant de Viladecans&quot;},{&quot;src&quot;:&quot;https:\\\/\\\/www.garciafaura.com\\\/wp-content\\\/uploads\\\/2018\\\/09\\\/CAP-Montbaig-Viladecans-11.jpg&quot;,&quot;title&quot;:&quot;Tancaments del nou ambulatori al Sector Llevant de Viladecans&quot;},{&quot;src&quot;:&quot;https:\\\/\\\/www.garciafaura.com\\\/wp-content\\\/uploads\\\/2018\\\/09\\\/CAP-Montbaig-Viladecans-10.jpg&quot;,&quot;title&quot;:&quot;Tancaments del nou ambulatori al Sector Llevant de Viladecans&quot;},{&quot;src&quot;:&quot;https:\\\/\\\/www.garciafaura.com\\\/wp-content\\\/uploads\\\/2018\\\/09\\\/CAP-Montbaig-Viladecans-09.jpg&quot;,&quot;title&quot;:&quot;Tancaments del nou ambulatori al Sector Llevant de Viladecans&quot;},{&quot;src&quot;:&quot;https:\\\/\\\/www.garciafaura.com\\\/wp-content\\\/uploads\\\/2018\\\/09\\\/CAP-Montbaig-Viladecans-08.jpg&quot;,&quot;title&quot;:&quot;Tancaments del nou ambulatori al Sector Llevant de Viladecans&quot;},{&quot;src&quot;:&quot;https:\\\/\\\/www.garciafaura.com\\\/wp-content\\\/uploads\\\/2018\\\/09\\\/CAP-Montbaig-Viladecans-07.jpg&quot;,&quot;title&quot;:&quot;Tancaments del nou ambulatori al Sector Llevant de Viladecans&quot;},{&quot;src&quot;:&quot;https:\\\/\\\/www.garciafaura.com\\\/wp-content\\\/uploads\\\/2018\\\/09\\\/CAP-Montbaig-Viladecans-06.jpg&quot;,&quot;title&quot;:&quot;Tancaments del nou ambulatori al Sector Llevant de Viladecans&quot;},{&quot;src&quot;:&quot;https:\\\/\\\/www.garciafaura.com\\\/wp-content\\\/uploads\\\/2018\\\/09\\\/CAP-Montbaig-Viladecans-05.jpg&quot;,&quot;title&quot;:&quot;Tancaments del nou ambulatori al Sector Llevant de Viladecans&quot;},{&quot;src&quot;:&quot;https:\\\/\\\/www.garciafaura.com\\\/wp-content\\\/uploads\\\/2018\\\/09\\\/CAP-Montbaig-Viladecans-04.jpg&quot;,&quot;title&quot;:&quot;Tancaments del nou ambulatori al Sector Llevant de Viladecans&quot;},{&quot;src&quot;:&quot;https:\\\/\\\/www.garciafaura.com\\\/wp-content\\\/uploads\\\/2018\\\/09\\\/CAP-Montbaig-Viladecans-03.jpg&quot;,&quot;title&quot;:&quot;Tancaments del nou ambulatori al Sector Llevant de Viladecans&quot;},{&quot;src&quot;:&quot;https:\\\/\\\/www.garciafaura.com\\\/wp-content\\\/uploads\\\/2018\\\/09\\\/CAP-Montbaig-Viladecans-02.jpg&quot;,&quot;title&quot;:&quot;Tancaments del nou ambulatori al Sector Llevant de Viladecans&quot;}]\"><img loading=\"lazy\" decoding=\"async\" data-no-lazy=\"1\" class=\"portfolio-entry-img skip-lazy\" src=\"https:\/\/www.garciafaura.com\/wp-content\/uploads\/2018\/09\/CAP-Montbaig-Viladecans-01-600x314.jpg\" alt=\"Fermetures Pour Nouveau Dispensaire Dans Le Secteur Levante De Viladecans\" data-no-retina width=\"600\" height=\"314\" \/><\/a><\/div><div class=\"portfolio-entry-details entry-details wpex-clr\"><h2 class=\"portfolio-entry-title entry-title\"><a href=\"https:\/\/www.garciafaura.com\/fr\/portfolio-item\/centre-de-premiers-soins-cps-montaigu\/\" title=\"Centre de Premiers Soins (CPS) Montbaig\">Centre de Premiers Soins (CPS) Montbaig<\/a><\/h2><div class=\"portfolio-entry-categories entry-categories wpex-clr\"><a href=\"https:\/\/www.garciafaura.com\/fr\/portfolio-category\/batiments-de-services\/\" class=\"term-75\">B\u00e2timents de Services<\/a><\/div><\/div><\/div><\/div><div class=\"portfolio-entry vcex-grid-item entry-has-details span_1_of_3 col col-1 vcex-isotope-entry vcex-no-margin-entry post-20674 entry type-portfolio has-media cat-75 cat-93 translation_priority-5\"><div class=\"portfolio-entry-inner entry-inner wpex-clr\"><div class=\"portfolio-entry-media entry-media wpex-clr\"><a href=\"https:\/\/www.garciafaura.com\/wp-content\/uploads\/2018\/09\/Supermecat-Premia-Mar-07.jpg\" title=\"Centre Commercial Sorli\" class=\"portfolio-entry-media-link wpex-lightbox-gallery\" data-gallery=\"[{&quot;src&quot;:&quot;https:\\\/\\\/www.garciafaura.com\\\/wp-content\\\/uploads\\\/2018\\\/09\\\/Supermecat-Premia-Mar-01.jpg&quot;,&quot;title&quot;:&quot;Fa\\u00e7ana i tancaments en nou establiment comercial&quot;},{&quot;src&quot;:&quot;https:\\\/\\\/www.garciafaura.com\\\/wp-content\\\/uploads\\\/2018\\\/09\\\/Supermecat-Premia-Mar-09.jpg&quot;,&quot;title&quot;:&quot;Fa\\u00e7ana i tancaments en nou establiment comercial&quot;},{&quot;src&quot;:&quot;https:\\\/\\\/www.garciafaura.com\\\/wp-content\\\/uploads\\\/2018\\\/09\\\/Supermecat-Premia-Mar-08.jpg&quot;,&quot;title&quot;:&quot;Fa\\u00e7ana i tancaments en nou establiment comercial&quot;},{&quot;src&quot;:&quot;https:\\\/\\\/www.garciafaura.com\\\/wp-content\\\/uploads\\\/2018\\\/09\\\/Supermecat-Premia-Mar-07.jpg&quot;,&quot;title&quot;:&quot;Fa\\u00e7ade et fermetures pour nouvel \\u00e9tablissement commercial&quot;},{&quot;src&quot;:&quot;https:\\\/\\\/www.garciafaura.com\\\/wp-content\\\/uploads\\\/2018\\\/09\\\/Supermecat-Premia-Mar-06.jpg&quot;,&quot;title&quot;:&quot;Fa\\u00e7ana i tancaments en nou establiment comercial&quot;},{&quot;src&quot;:&quot;https:\\\/\\\/www.garciafaura.com\\\/wp-content\\\/uploads\\\/2018\\\/09\\\/Supermecat-Premia-Mar-05.jpg&quot;,&quot;title&quot;:&quot;Fa\\u00e7ana i tancaments en nou establiment comercial&quot;},{&quot;src&quot;:&quot;https:\\\/\\\/www.garciafaura.com\\\/wp-content\\\/uploads\\\/2018\\\/09\\\/Supermecat-Premia-Mar-04.jpg&quot;,&quot;title&quot;:&quot;Fa\\u00e7ana i tancaments en nou establiment comercial&quot;},{&quot;src&quot;:&quot;https:\\\/\\\/www.garciafaura.com\\\/wp-content\\\/uploads\\\/2018\\\/09\\\/Supermecat-Premia-Mar-03.jpg&quot;,&quot;title&quot;:&quot;Fa\\u00e7ana i tancaments en nou establiment comercial&quot;},{&quot;src&quot;:&quot;https:\\\/\\\/www.garciafaura.com\\\/wp-content\\\/uploads\\\/2018\\\/09\\\/Supermecat-Premia-Mar-02.jpg&quot;,&quot;title&quot;:&quot;Fa\\u00e7ana i tancaments en nou establiment comercial&quot;}]\"><img loading=\"lazy\" decoding=\"async\" data-no-lazy=\"1\" class=\"portfolio-entry-img skip-lazy\" src=\"https:\/\/www.garciafaura.com\/wp-content\/uploads\/2018\/09\/Supermecat-Premia-Mar-07-600x314.jpg\" alt=\"Fa\u00e7ade Et Fermetures Pour Nouvel \u00e9tablissement Commercial\" data-no-retina width=\"600\" height=\"314\" \/><\/a><\/div><div class=\"portfolio-entry-details entry-details wpex-clr\"><h2 class=\"portfolio-entry-title entry-title\"><a href=\"https:\/\/www.garciafaura.com\/fr\/portfolio-item\/centre-commercial-sorli\/\" title=\"Centre Commercial Sorli\">Centre Commercial Sorli<\/a><\/h2><div class=\"portfolio-entry-categories entry-categories wpex-clr\"><a href=\"https:\/\/www.garciafaura.com\/fr\/portfolio-category\/batiments-de-services\/\" class=\"term-75\">B\u00e2timents de Services<\/a><\/div><\/div><\/div><\/div><div class=\"portfolio-entry vcex-grid-item entry-has-details span_1_of_3 col col-2 vcex-isotope-entry vcex-no-margin-entry post-20675 entry type-portfolio has-media cat-75 translation_priority-5\"><div class=\"portfolio-entry-inner entry-inner wpex-clr\"><div class=\"portfolio-entry-media entry-media wpex-clr\"><a href=\"https:\/\/www.garciafaura.com\/wp-content\/uploads\/2018\/09\/Lllar-Amistat-Mataro-03.jpg\" title=\"Centre r\u00e9sidentiel Llars de l&rsquo;Amistat\" class=\"portfolio-entry-media-link wpex-lightbox-gallery\" data-gallery=\"[{&quot;src&quot;:&quot;https:\\\/\\\/www.garciafaura.com\\\/wp-content\\\/uploads\\\/2018\\\/09\\\/Lllar-Amistat-Mataro-01.jpg&quot;,&quot;title&quot;:&quot;Tancaments d&#039;alumini&quot;},{&quot;src&quot;:&quot;https:\\\/\\\/www.garciafaura.com\\\/wp-content\\\/uploads\\\/2018\\\/09\\\/Lllar-Amistat-Mataro-10.jpg&quot;,&quot;title&quot;:&quot;Tancaments d&#039;alumini&quot;},{&quot;src&quot;:&quot;https:\\\/\\\/www.garciafaura.com\\\/wp-content\\\/uploads\\\/2018\\\/09\\\/Lllar-Amistat-Mataro-09.jpg&quot;,&quot;title&quot;:&quot;Tancaments d&#039;alumini&quot;},{&quot;src&quot;:&quot;https:\\\/\\\/www.garciafaura.com\\\/wp-content\\\/uploads\\\/2018\\\/09\\\/Lllar-Amistat-Mataro-08.jpg&quot;,&quot;title&quot;:&quot;Tancaments d&#039;alumini&quot;},{&quot;src&quot;:&quot;https:\\\/\\\/www.garciafaura.com\\\/wp-content\\\/uploads\\\/2018\\\/09\\\/Lllar-Amistat-Mataro-07.jpg&quot;,&quot;title&quot;:&quot;Tancaments d&#039;alumini&quot;},{&quot;src&quot;:&quot;https:\\\/\\\/www.garciafaura.com\\\/wp-content\\\/uploads\\\/2018\\\/09\\\/Lllar-Amistat-Mataro-06.jpg&quot;,&quot;title&quot;:&quot;Tancaments d&#039;alumini&quot;},{&quot;src&quot;:&quot;https:\\\/\\\/www.garciafaura.com\\\/wp-content\\\/uploads\\\/2018\\\/09\\\/Lllar-Amistat-Mataro-05.jpg&quot;,&quot;title&quot;:&quot;Tancaments d&#039;alumini&quot;},{&quot;src&quot;:&quot;https:\\\/\\\/www.garciafaura.com\\\/wp-content\\\/uploads\\\/2018\\\/09\\\/Lllar-Amistat-Mataro-04.jpg&quot;,&quot;title&quot;:&quot;Tancaments d&#039;alumini&quot;},{&quot;src&quot;:&quot;https:\\\/\\\/www.garciafaura.com\\\/wp-content\\\/uploads\\\/2018\\\/09\\\/Lllar-Amistat-Mataro-03.jpg&quot;,&quot;title&quot;:&quot;Fermetures en aluminium&quot;},{&quot;src&quot;:&quot;https:\\\/\\\/www.garciafaura.com\\\/wp-content\\\/uploads\\\/2018\\\/09\\\/Lllar-Amistat-Mataro-02.jpg&quot;,&quot;title&quot;:&quot;Tancaments d&#039;alumini&quot;}]\"><img loading=\"lazy\" decoding=\"async\" data-no-lazy=\"1\" class=\"portfolio-entry-img skip-lazy\" src=\"https:\/\/www.garciafaura.com\/wp-content\/uploads\/2018\/09\/Lllar-Amistat-Mataro-03-600x314.jpg\" alt=\"Fermetures En Aluminium\" data-no-retina width=\"600\" height=\"314\" \/><\/a><\/div><div class=\"portfolio-entry-details entry-details wpex-clr\"><h2 class=\"portfolio-entry-title entry-title\"><a href=\"https:\/\/www.garciafaura.com\/fr\/portfolio-item\/centre-residentiel-llars-de-lamistat\/\" title=\"Centre r\u00e9sidentiel Llars de l&rsquo;Amistat\">Centre r\u00e9sidentiel Llars de l&rsquo;Amistat<\/a><\/h2><div class=\"portfolio-entry-categories entry-categories wpex-clr\"><a href=\"https:\/\/www.garciafaura.com\/fr\/portfolio-category\/batiments-de-services\/\" class=\"term-75\">B\u00e2timents de Services<\/a><\/div><\/div><\/div><\/div><div class=\"portfolio-entry vcex-grid-item entry-has-details span_1_of_3 col col-3 vcex-isotope-entry vcex-no-margin-entry post-20673 entry type-portfolio has-media cat-75 cat-92 translation_priority-5\"><div class=\"portfolio-entry-inner entry-inner wpex-clr\"><div class=\"portfolio-entry-media entry-media wpex-clr\"><a href=\"https:\/\/www.garciafaura.com\/wp-content\/uploads\/2018\/09\/Escola-Betania-Patmos-02.jpg\" title=\"\u00c9cole Bet\u00e0nia Patmos\" class=\"portfolio-entry-media-link wpex-lightbox-gallery\" data-gallery=\"[{&quot;src&quot;:&quot;https:\\\/\\\/www.garciafaura.com\\\/wp-content\\\/uploads\\\/2018\\\/09\\\/Escola-Betania-Patmos-02.jpg&quot;,&quot;title&quot;:&quot;Fermetures, verri\\u00e8re et fa\\u00e7ade \\u00e0 lames solaires &quot;},{&quot;src&quot;:&quot;https:\\\/\\\/www.garciafaura.com\\\/wp-content\\\/uploads\\\/2018\\\/09\\\/Escola-Betania-Patmos-21.jpg&quot;,&quot;title&quot;:&quot;Tancaments, lluerna i fa\\u00e7ana de lames solars\\u00a0&quot;},{&quot;src&quot;:&quot;https:\\\/\\\/www.garciafaura.com\\\/wp-content\\\/uploads\\\/2018\\\/09\\\/Escola-Betania-Patmos-20.jpg&quot;,&quot;title&quot;:&quot;Tancaments, lluerna i fa\\u00e7ana de lames solars\\u00a0&quot;},{&quot;src&quot;:&quot;https:\\\/\\\/www.garciafaura.com\\\/wp-content\\\/uploads\\\/2018\\\/09\\\/Escola-Betania-Patmos-19.jpg&quot;,&quot;title&quot;:&quot;Tancaments, lluerna i fa\\u00e7ana de lames solars\\u00a0&quot;},{&quot;src&quot;:&quot;https:\\\/\\\/www.garciafaura.com\\\/wp-content\\\/uploads\\\/2018\\\/09\\\/Escola-Betania-Patmos-18.jpg&quot;,&quot;title&quot;:&quot;Tancaments, lluerna i fa\\u00e7ana de lames solars\\u00a0&quot;},{&quot;src&quot;:&quot;https:\\\/\\\/www.garciafaura.com\\\/wp-content\\\/uploads\\\/2018\\\/09\\\/Escola-Betania-Patmos-17.jpg&quot;,&quot;title&quot;:&quot;Tancaments, lluerna i fa\\u00e7ana de lames solars\\u00a0&quot;},{&quot;src&quot;:&quot;https:\\\/\\\/www.garciafaura.com\\\/wp-content\\\/uploads\\\/2018\\\/09\\\/Escola-Betania-Patmos-16.jpg&quot;,&quot;title&quot;:&quot;Tancaments, lluerna i fa\\u00e7ana de lames solars\\u00a0&quot;},{&quot;src&quot;:&quot;https:\\\/\\\/www.garciafaura.com\\\/wp-content\\\/uploads\\\/2018\\\/09\\\/Escola-Betania-Patmos-15.jpg&quot;,&quot;title&quot;:&quot;Tancaments, lluerna i fa\\u00e7ana de lames solars\\u00a0&quot;},{&quot;src&quot;:&quot;https:\\\/\\\/www.garciafaura.com\\\/wp-content\\\/uploads\\\/2018\\\/09\\\/Escola-Betania-Patmos-14.jpg&quot;,&quot;title&quot;:&quot;Tancaments, lluerna i fa\\u00e7ana de lames solars\\u00a0&quot;},{&quot;src&quot;:&quot;https:\\\/\\\/www.garciafaura.com\\\/wp-content\\\/uploads\\\/2018\\\/09\\\/Escola-Betania-Patmos-12.jpg&quot;,&quot;title&quot;:&quot;Tancaments, lluerna i fa\\u00e7ana de lames solars\\u00a0&quot;},{&quot;src&quot;:&quot;https:\\\/\\\/www.garciafaura.com\\\/wp-content\\\/uploads\\\/2018\\\/09\\\/Escola-Betania-Patmos-13.jpg&quot;,&quot;title&quot;:&quot;Tancaments, lluerna i fa\\u00e7ana de lames solars\\u00a0&quot;},{&quot;src&quot;:&quot;https:\\\/\\\/www.garciafaura.com\\\/wp-content\\\/uploads\\\/2018\\\/09\\\/Escola-Betania-Patmos-11.jpg&quot;,&quot;title&quot;:&quot;Tancaments, lluerna i fa\\u00e7ana de lames solars\\u00a0&quot;},{&quot;src&quot;:&quot;https:\\\/\\\/www.garciafaura.com\\\/wp-content\\\/uploads\\\/2018\\\/09\\\/Escola-Betania-Patmos-10.jpg&quot;,&quot;title&quot;:&quot;Tancaments, lluerna i fa\\u00e7ana de lames solars\\u00a0&quot;},{&quot;src&quot;:&quot;https:\\\/\\\/www.garciafaura.com\\\/wp-content\\\/uploads\\\/2018\\\/09\\\/Escola-Betania-Patmos-09.jpg&quot;,&quot;title&quot;:&quot;Tancaments, lluerna i fa\\u00e7ana de lames solars\\u00a0&quot;},{&quot;src&quot;:&quot;https:\\\/\\\/www.garciafaura.com\\\/wp-content\\\/uploads\\\/2018\\\/09\\\/Escola-Betania-Patmos-08.jpg&quot;,&quot;title&quot;:&quot;Tancaments, lluerna i fa\\u00e7ana de lames solars\\u00a0&quot;},{&quot;src&quot;:&quot;https:\\\/\\\/www.garciafaura.com\\\/wp-content\\\/uploads\\\/2018\\\/09\\\/Escola-Betania-Patmos-07.jpg&quot;,&quot;title&quot;:&quot;Tancaments, lluerna i fa\\u00e7ana de lames solars\\u00a0&quot;},{&quot;src&quot;:&quot;https:\\\/\\\/www.garciafaura.com\\\/wp-content\\\/uploads\\\/2018\\\/09\\\/Escola-Betania-Patmos-06.jpg&quot;,&quot;title&quot;:&quot;Tancaments, lluerna i fa\\u00e7ana de lames solars\\u00a0&quot;},{&quot;src&quot;:&quot;https:\\\/\\\/www.garciafaura.com\\\/wp-content\\\/uploads\\\/2018\\\/09\\\/Escola-Betania-Patmos-05.jpg&quot;,&quot;title&quot;:&quot;Tancaments, lluerna i fa\\u00e7ana de lames solars\\u00a0&quot;},{&quot;src&quot;:&quot;https:\\\/\\\/www.garciafaura.com\\\/wp-content\\\/uploads\\\/2018\\\/09\\\/Escola-Betania-Patmos-04.jpg&quot;,&quot;title&quot;:&quot;Tancaments, lluerna i fa\\u00e7ana de lames solars\\u00a0&quot;},{&quot;src&quot;:&quot;https:\\\/\\\/www.garciafaura.com\\\/wp-content\\\/uploads\\\/2018\\\/09\\\/Escola-Betania-Patmos-03.jpg&quot;,&quot;title&quot;:&quot;Tancaments, lluerna i fa\\u00e7ana de lames solars\\u00a0&quot;}]\"><img loading=\"lazy\" decoding=\"async\" data-no-lazy=\"1\" class=\"portfolio-entry-img skip-lazy\" src=\"https:\/\/www.garciafaura.com\/wp-content\/uploads\/2018\/09\/Escola-Betania-Patmos-02-600x314.jpg\" alt=\"Fermetures, Verri\u00e8re Et Fa\u00e7ade \u00e0 Lames Solaires\" data-no-retina width=\"600\" height=\"314\" \/><\/a><\/div><div class=\"portfolio-entry-details entry-details wpex-clr\"><h2 class=\"portfolio-entry-title entry-title\"><a href=\"https:\/\/www.garciafaura.com\/fr\/portfolio-item\/ecole-betania-patmos\/\" title=\"\u00c9cole Bet\u00e0nia Patmos\">\u00c9cole Bet\u00e0nia Patmos<\/a><\/h2><div class=\"portfolio-entry-categories entry-categories wpex-clr\"><a href=\"https:\/\/www.garciafaura.com\/fr\/portfolio-category\/batiments-de-services\/\" class=\"term-75\">B\u00e2timents de Services<\/a><\/div><\/div><\/div><\/div><div class=\"portfolio-entry vcex-grid-item entry-has-details span_1_of_3 col col-1 vcex-isotope-entry vcex-no-margin-entry post-20671 entry type-portfolio has-media cat-75 translation_priority-5\"><div class=\"portfolio-entry-inner entry-inner wpex-clr\"><div class=\"portfolio-entry-media entry-media wpex-clr\"><a href=\"https:\/\/www.garciafaura.com\/wp-content\/uploads\/2018\/09\/CAP-Sant-Pere-de-Ribes-01.jpg\" title=\"CAP Sant Pere de Ribes\" class=\"portfolio-entry-media-link wpex-lightbox-gallery\" data-gallery=\"[{&quot;src&quot;:&quot;https:\\\/\\\/www.garciafaura.com\\\/wp-content\\\/uploads\\\/2018\\\/09\\\/CAP-Sant-Pere-de-Ribes-01.jpg&quot;,&quot;title&quot;:&quot;Fermetures pour le nouveau dispensaire de Sant Pere de Ribes&quot;},{&quot;src&quot;:&quot;https:\\\/\\\/www.garciafaura.com\\\/wp-content\\\/uploads\\\/2018\\\/09\\\/CAP-Sant-Pere-de-Ribes-14.jpg&quot;,&quot;title&quot;:&quot;Tancaments per al nou ambulatori del municipi&quot;},{&quot;src&quot;:&quot;https:\\\/\\\/www.garciafaura.com\\\/wp-content\\\/uploads\\\/2018\\\/09\\\/CAP-Sant-Pere-de-Ribes-13.jpg&quot;,&quot;title&quot;:&quot;Tancaments per al nou ambulatori del municipi&quot;},{&quot;src&quot;:&quot;https:\\\/\\\/www.garciafaura.com\\\/wp-content\\\/uploads\\\/2018\\\/09\\\/CAP-Sant-Pere-de-Ribes-12.jpg&quot;,&quot;title&quot;:&quot;Tancaments per al nou ambulatori del municipi&quot;},{&quot;src&quot;:&quot;https:\\\/\\\/www.garciafaura.com\\\/wp-content\\\/uploads\\\/2018\\\/09\\\/CAP-Sant-Pere-de-Ribes-11.jpg&quot;,&quot;title&quot;:&quot;Tancaments per al nou ambulatori del municipi&quot;},{&quot;src&quot;:&quot;https:\\\/\\\/www.garciafaura.com\\\/wp-content\\\/uploads\\\/2018\\\/09\\\/CAP-Sant-Pere-de-Ribes-10.jpg&quot;,&quot;title&quot;:&quot;Tancaments per al nou ambulatori del municipi&quot;},{&quot;src&quot;:&quot;https:\\\/\\\/www.garciafaura.com\\\/wp-content\\\/uploads\\\/2018\\\/09\\\/CAP-Sant-Pere-de-Ribes-09.jpg&quot;,&quot;title&quot;:&quot;Tancaments per al nou ambulatori del municipi&quot;},{&quot;src&quot;:&quot;https:\\\/\\\/www.garciafaura.com\\\/wp-content\\\/uploads\\\/2018\\\/09\\\/CAP-Sant-Pere-de-Ribes-08.jpg&quot;,&quot;title&quot;:&quot;Tancaments per al nou ambulatori del municipi&quot;},{&quot;src&quot;:&quot;https:\\\/\\\/www.garciafaura.com\\\/wp-content\\\/uploads\\\/2018\\\/09\\\/CAP-Sant-Pere-de-Ribes-07.jpg&quot;,&quot;title&quot;:&quot;Tancaments per al nou ambulatori del municipi&quot;},{&quot;src&quot;:&quot;https:\\\/\\\/www.garciafaura.com\\\/wp-content\\\/uploads\\\/2018\\\/09\\\/CAP-Sant-Pere-de-Ribes-06.jpg&quot;,&quot;title&quot;:&quot;Tancaments per al nou ambulatori del municipi&quot;},{&quot;src&quot;:&quot;https:\\\/\\\/www.garciafaura.com\\\/wp-content\\\/uploads\\\/2018\\\/09\\\/CAP-Sant-Pere-de-Ribes-05.jpg&quot;,&quot;title&quot;:&quot;Tancaments per al nou ambulatori del municipi&quot;},{&quot;src&quot;:&quot;https:\\\/\\\/www.garciafaura.com\\\/wp-content\\\/uploads\\\/2018\\\/09\\\/CAP-Sant-Pere-de-Ribes-04.jpg&quot;,&quot;title&quot;:&quot;Tancaments per al nou ambulatori del municipi&quot;},{&quot;src&quot;:&quot;https:\\\/\\\/www.garciafaura.com\\\/wp-content\\\/uploads\\\/2018\\\/09\\\/CAP-Sant-Pere-de-Ribes-03.jpg&quot;,&quot;title&quot;:&quot;Tancaments per al nou ambulatori del municipi&quot;},{&quot;src&quot;:&quot;https:\\\/\\\/www.garciafaura.com\\\/wp-content\\\/uploads\\\/2018\\\/09\\\/CAP-Sant-Pere-de-Ribes-02.jpg&quot;,&quot;title&quot;:&quot;Tancaments per al nou ambulatori del municipi&quot;},{&quot;src&quot;:&quot;https:\\\/\\\/www.garciafaura.com\\\/wp-content\\\/uploads\\\/2018\\\/09\\\/CAP-Sant-Pere-de-Ribes-15.jpg&quot;,&quot;title&quot;:&quot;Tancaments per al nou ambulatori del municipi&quot;}]\"><img loading=\"lazy\" decoding=\"async\" data-no-lazy=\"1\" class=\"portfolio-entry-img skip-lazy\" src=\"https:\/\/www.garciafaura.com\/wp-content\/uploads\/2018\/09\/CAP-Sant-Pere-de-Ribes-01-600x314.jpg\" alt=\"Fermetures Pour Le Nouveau Dispensaire De Sant Pere De Ribes\" data-no-retina width=\"600\" height=\"314\" \/><\/a><\/div><div class=\"portfolio-entry-details entry-details wpex-clr\"><h2 class=\"portfolio-entry-title entry-title\"><a href=\"https:\/\/www.garciafaura.com\/fr\/portfolio-item\/cap-sant-pere-de-ribes\/\" title=\"CAP Sant Pere de Ribes\">CAP Sant Pere de Ribes<\/a><\/h2><div class=\"portfolio-entry-categories entry-categories wpex-clr\"><a href=\"https:\/\/www.garciafaura.com\/fr\/portfolio-category\/batiments-de-services\/\" class=\"term-75\">B\u00e2timents de Services<\/a><\/div><\/div><\/div><\/div><div class=\"portfolio-entry vcex-grid-item entry-has-details span_1_of_3 col col-2 vcex-isotope-entry vcex-no-margin-entry post-20672 entry type-portfolio has-media cat-75 translation_priority-5\"><div class=\"portfolio-entry-inner entry-inner wpex-clr\"><div class=\"portfolio-entry-media entry-media wpex-clr\"><a href=\"https:\/\/www.garciafaura.com\/wp-content\/uploads\/2018\/09\/Biblioteca-Sant-Sadurni-Anoia-01.jpg\" title=\"Centre Culturel Pla\u00e7a Nova\" class=\"portfolio-entry-media-link wpex-lightbox-gallery\" data-gallery=\"[{&quot;src&quot;:&quot;https:\\\/\\\/www.garciafaura.com\\\/wp-content\\\/uploads\\\/2018\\\/09\\\/Biblioteca-Sant-Sadurni-Anoia-12.jpg&quot;},{&quot;src&quot;:&quot;https:\\\/\\\/www.garciafaura.com\\\/wp-content\\\/uploads\\\/2018\\\/09\\\/Biblioteca-Sant-Sadurni-Anoia-02.jpg&quot;},{&quot;src&quot;:&quot;https:\\\/\\\/www.garciafaura.com\\\/wp-content\\\/uploads\\\/2018\\\/09\\\/Biblioteca-Sant-Sadurni-Anoia-15.jpg&quot;},{&quot;src&quot;:&quot;https:\\\/\\\/www.garciafaura.com\\\/wp-content\\\/uploads\\\/2018\\\/09\\\/Biblioteca-Sant-Sadurni-Anoia-14.jpg&quot;},{&quot;src&quot;:&quot;https:\\\/\\\/www.garciafaura.com\\\/wp-content\\\/uploads\\\/2018\\\/09\\\/Biblioteca-Sant-Sadurni-Anoia-13.jpg&quot;},{&quot;src&quot;:&quot;https:\\\/\\\/www.garciafaura.com\\\/wp-content\\\/uploads\\\/2018\\\/09\\\/Biblioteca-Sant-Sadurni-Anoia-11.jpg&quot;},{&quot;src&quot;:&quot;https:\\\/\\\/www.garciafaura.com\\\/wp-content\\\/uploads\\\/2018\\\/09\\\/Biblioteca-Sant-Sadurni-Anoia-10.jpg&quot;},{&quot;src&quot;:&quot;https:\\\/\\\/www.garciafaura.com\\\/wp-content\\\/uploads\\\/2018\\\/09\\\/Biblioteca-Sant-Sadurni-Anoia-09.jpg&quot;},{&quot;src&quot;:&quot;https:\\\/\\\/www.garciafaura.com\\\/wp-content\\\/uploads\\\/2018\\\/09\\\/Biblioteca-Sant-Sadurni-Anoia-08.jpg&quot;},{&quot;src&quot;:&quot;https:\\\/\\\/www.garciafaura.com\\\/wp-content\\\/uploads\\\/2018\\\/09\\\/Biblioteca-Sant-Sadurni-Anoia-07.jpg&quot;},{&quot;src&quot;:&quot;https:\\\/\\\/www.garciafaura.com\\\/wp-content\\\/uploads\\\/2018\\\/09\\\/Biblioteca-Sant-Sadurni-Anoia-06.jpg&quot;},{&quot;src&quot;:&quot;https:\\\/\\\/www.garciafaura.com\\\/wp-content\\\/uploads\\\/2018\\\/09\\\/Biblioteca-Sant-Sadurni-Anoia-05.jpg&quot;},{&quot;src&quot;:&quot;https:\\\/\\\/www.garciafaura.com\\\/wp-content\\\/uploads\\\/2018\\\/09\\\/Biblioteca-Sant-Sadurni-Anoia-04.jpg&quot;},{&quot;src&quot;:&quot;https:\\\/\\\/www.garciafaura.com\\\/wp-content\\\/uploads\\\/2018\\\/09\\\/Biblioteca-Sant-Sadurni-Anoia-03.jpg&quot;}]\"><img loading=\"lazy\" decoding=\"async\" data-no-lazy=\"1\" class=\"portfolio-entry-img skip-lazy\" src=\"https:\/\/www.garciafaura.com\/wp-content\/uploads\/2018\/09\/Biblioteca-Sant-Sadurni-Anoia-01-600x314.jpg\" alt=\"Fermetures Pour Le Nouvel \u00e9quipement Culturel De Sant Sadurn\u00ed D'Anoia\" data-no-retina width=\"600\" height=\"314\" \/><\/a><\/div><div class=\"portfolio-entry-details entry-details wpex-clr\"><h2 class=\"portfolio-entry-title entry-title\"><a href=\"https:\/\/www.garciafaura.com\/fr\/portfolio-item\/centre-culturel-placa-nova\/\" title=\"Centre Culturel Pla\u00e7a Nova\">Centre Culturel Pla\u00e7a Nova<\/a><\/h2><div class=\"portfolio-entry-categories entry-categories wpex-clr\"><a href=\"https:\/\/www.garciafaura.com\/fr\/portfolio-category\/batiments-de-services\/\" class=\"term-75\">B\u00e2timents de Services<\/a><\/div><\/div><\/div><\/div><div class=\"portfolio-entry vcex-grid-item entry-has-details span_1_of_3 col col-3 vcex-isotope-entry vcex-no-margin-entry post-20669 entry type-portfolio has-media cat-75 cat-92 translation_priority-5\"><div class=\"portfolio-entry-inner entry-inner wpex-clr\"><div class=\"portfolio-entry-media entry-media wpex-clr\"><a href=\"https:\/\/www.garciafaura.com\/wp-content\/uploads\/2018\/09\/Tanatori-Sancho-de-Avila-01.jpg\" title=\"Fun\u00e9rarium Sancho de \u00c1vila\" class=\"portfolio-entry-media-link wpex-lightbox-gallery\" data-gallery=\"[{&quot;src&quot;:&quot;https:\\\/\\\/www.garciafaura.com\\\/wp-content\\\/uploads\\\/2018\\\/09\\\/Tanatori-Sancho-de-Avila-01.jpg&quot;},{&quot;src&quot;:&quot;https:\\\/\\\/www.garciafaura.com\\\/wp-content\\\/uploads\\\/2018\\\/09\\\/Tanatori-Sancho-de-Avila-17.jpg&quot;},{&quot;src&quot;:&quot;https:\\\/\\\/www.garciafaura.com\\\/wp-content\\\/uploads\\\/2018\\\/09\\\/Tanatori-Sancho-de-Avila-16.jpg&quot;},{&quot;src&quot;:&quot;https:\\\/\\\/www.garciafaura.com\\\/wp-content\\\/uploads\\\/2018\\\/09\\\/Tanatori-Sancho-de-Avila-15.jpg&quot;},{&quot;src&quot;:&quot;https:\\\/\\\/www.garciafaura.com\\\/wp-content\\\/uploads\\\/2018\\\/09\\\/Tanatori-Sancho-de-Avila-14.jpg&quot;},{&quot;src&quot;:&quot;https:\\\/\\\/www.garciafaura.com\\\/wp-content\\\/uploads\\\/2018\\\/09\\\/Tanatori-Sancho-de-Avila-13.jpg&quot;},{&quot;src&quot;:&quot;https:\\\/\\\/www.garciafaura.com\\\/wp-content\\\/uploads\\\/2018\\\/09\\\/Tanatori-Sancho-de-Avila-12.jpg&quot;},{&quot;src&quot;:&quot;https:\\\/\\\/www.garciafaura.com\\\/wp-content\\\/uploads\\\/2018\\\/09\\\/Tanatori-Sancho-de-Avila-11.jpg&quot;},{&quot;src&quot;:&quot;https:\\\/\\\/www.garciafaura.com\\\/wp-content\\\/uploads\\\/2018\\\/09\\\/Tanatori-Sancho-de-Avila-10.jpg&quot;},{&quot;src&quot;:&quot;https:\\\/\\\/www.garciafaura.com\\\/wp-content\\\/uploads\\\/2018\\\/09\\\/Tanatori-Sancho-de-Avila-09.jpg&quot;},{&quot;src&quot;:&quot;https:\\\/\\\/www.garciafaura.com\\\/wp-content\\\/uploads\\\/2018\\\/09\\\/Tanatori-Sancho-de-Avila-08.jpg&quot;},{&quot;src&quot;:&quot;https:\\\/\\\/www.garciafaura.com\\\/wp-content\\\/uploads\\\/2018\\\/09\\\/Tanatori-Sancho-de-Avila-07.jpg&quot;},{&quot;src&quot;:&quot;https:\\\/\\\/www.garciafaura.com\\\/wp-content\\\/uploads\\\/2018\\\/09\\\/Tanatori-Sancho-de-Avila-06.jpg&quot;},{&quot;src&quot;:&quot;https:\\\/\\\/www.garciafaura.com\\\/wp-content\\\/uploads\\\/2018\\\/09\\\/Tanatori-Sancho-de-Avila-05.jpg&quot;},{&quot;src&quot;:&quot;https:\\\/\\\/www.garciafaura.com\\\/wp-content\\\/uploads\\\/2018\\\/09\\\/Tanatori-Sancho-de-Avila-04.jpg&quot;},{&quot;src&quot;:&quot;https:\\\/\\\/www.garciafaura.com\\\/wp-content\\\/uploads\\\/2018\\\/09\\\/Tanatori-Sancho-de-Avila-03.jpg&quot;},{&quot;src&quot;:&quot;https:\\\/\\\/www.garciafaura.com\\\/wp-content\\\/uploads\\\/2018\\\/09\\\/Tanatori-Sancho-de-Avila-02.jpg&quot;}]\"><img loading=\"lazy\" decoding=\"async\" data-no-lazy=\"1\" class=\"portfolio-entry-img skip-lazy\" src=\"https:\/\/www.garciafaura.com\/wp-content\/uploads\/2018\/09\/Tanatori-Sancho-de-Avila-01-600x314.jpg\" alt='' data-no-retina width=\"600\" height=\"314\" \/><\/a><\/div><div class=\"portfolio-entry-details entry-details wpex-clr\"><h2 class=\"portfolio-entry-title entry-title\"><a href=\"https:\/\/www.garciafaura.com\/fr\/portfolio-item\/funerarium-sancho-de-avila\/\" title=\"Fun\u00e9rarium Sancho de \u00c1vila\">Fun\u00e9rarium Sancho de \u00c1vila<\/a><\/h2><div class=\"portfolio-entry-categories entry-categories wpex-clr\"><a href=\"https:\/\/www.garciafaura.com\/fr\/portfolio-category\/batiments-de-services\/\" class=\"term-75\">B\u00e2timents de Services<\/a><\/div><\/div><\/div><\/div><div class=\"portfolio-entry vcex-grid-item entry-has-details span_1_of_3 col col-1 vcex-isotope-entry vcex-no-margin-entry post-20667 entry type-portfolio has-media cat-75 cat-92 cat-93 cat-95 cat-97 cat-98 translation_priority-5\"><div class=\"portfolio-entry-inner entry-inner wpex-clr\"><div class=\"portfolio-entry-media entry-media wpex-clr\"><a href=\"https:\/\/www.garciafaura.com\/wp-content\/uploads\/2018\/09\/Oceanario-Lisboa-04.jpg\" title=\"Agrandissement Oc\u00e9anarium de Lisbonne\" class=\"portfolio-entry-media-link wpex-lightbox-gallery\" data-gallery=\"[{&quot;src&quot;:&quot;https:\\\/\\\/www.garciafaura.com\\\/wp-content\\\/uploads\\\/2018\\\/09\\\/Oceanario-Lisboa-01.jpg&quot;},{&quot;src&quot;:&quot;https:\\\/\\\/www.garciafaura.com\\\/wp-content\\\/uploads\\\/2018\\\/09\\\/Oceanario-Lisboa-15.jpg&quot;},{&quot;src&quot;:&quot;https:\\\/\\\/www.garciafaura.com\\\/wp-content\\\/uploads\\\/2018\\\/09\\\/Oceanario-Lisboa-14.jpg&quot;},{&quot;src&quot;:&quot;https:\\\/\\\/www.garciafaura.com\\\/wp-content\\\/uploads\\\/2018\\\/09\\\/Oceanario-Lisboa-13.jpg&quot;},{&quot;src&quot;:&quot;https:\\\/\\\/www.garciafaura.com\\\/wp-content\\\/uploads\\\/2018\\\/09\\\/Oceanario-Lisboa-12.jpg&quot;},{&quot;src&quot;:&quot;https:\\\/\\\/www.garciafaura.com\\\/wp-content\\\/uploads\\\/2018\\\/09\\\/Oceanario-Lisboa-11.jpg&quot;},{&quot;src&quot;:&quot;https:\\\/\\\/www.garciafaura.com\\\/wp-content\\\/uploads\\\/2018\\\/09\\\/Oceanario-Lisboa-10.jpg&quot;},{&quot;src&quot;:&quot;https:\\\/\\\/www.garciafaura.com\\\/wp-content\\\/uploads\\\/2018\\\/09\\\/Oceanario-Lisboa-09.jpg&quot;},{&quot;src&quot;:&quot;https:\\\/\\\/www.garciafaura.com\\\/wp-content\\\/uploads\\\/2018\\\/09\\\/Oceanario-Lisboa-08.jpg&quot;},{&quot;src&quot;:&quot;https:\\\/\\\/www.garciafaura.com\\\/wp-content\\\/uploads\\\/2018\\\/09\\\/Oceanario-Lisboa-07.jpg&quot;},{&quot;src&quot;:&quot;https:\\\/\\\/www.garciafaura.com\\\/wp-content\\\/uploads\\\/2018\\\/09\\\/Oceanario-Lisboa-06.jpg&quot;},{&quot;src&quot;:&quot;https:\\\/\\\/www.garciafaura.com\\\/wp-content\\\/uploads\\\/2018\\\/09\\\/Oceanario-Lisboa-05.jpg&quot;},{&quot;src&quot;:&quot;https:\\\/\\\/www.garciafaura.com\\\/wp-content\\\/uploads\\\/2018\\\/09\\\/Oceanario-Lisboa-04.jpg&quot;},{&quot;src&quot;:&quot;https:\\\/\\\/www.garciafaura.com\\\/wp-content\\\/uploads\\\/2018\\\/09\\\/Oceanario-Lisboa-03.jpg&quot;},{&quot;src&quot;:&quot;https:\\\/\\\/www.garciafaura.com\\\/wp-content\\\/uploads\\\/2018\\\/09\\\/Oceanario-Lisboa-02.jpg&quot;}]\"><img loading=\"lazy\" decoding=\"async\" data-no-lazy=\"1\" class=\"portfolio-entry-img skip-lazy\" src=\"https:\/\/www.garciafaura.com\/wp-content\/uploads\/2018\/09\/Oceanario-Lisboa-04-600x314.jpg\" alt='' data-no-retina width=\"600\" height=\"314\" \/><\/a><\/div><div class=\"portfolio-entry-details entry-details wpex-clr\"><h2 class=\"portfolio-entry-title entry-title\"><a href=\"https:\/\/www.garciafaura.com\/fr\/portfolio-item\/agrandissement-de-loceanarium-de-lisbonne\/\" title=\"Agrandissement Oc\u00e9anarium de Lisbonne\">Agrandissement Oc\u00e9anarium de Lisbonne<\/a><\/h2><div class=\"portfolio-entry-categories entry-categories wpex-clr\"><a href=\"https:\/\/www.garciafaura.com\/fr\/portfolio-category\/batiments-de-services\/\" class=\"term-75\">B\u00e2timents de Services<\/a><\/div><\/div><\/div><\/div><div class=\"portfolio-entry vcex-grid-item entry-has-details span_1_of_3 col col-2 vcex-isotope-entry vcex-no-margin-entry post-20659 entry type-portfolio has-media cat-75 cat-93 translation_priority-5\"><div class=\"portfolio-entry-inner entry-inner wpex-clr\"><div class=\"portfolio-entry-media entry-media wpex-clr\"><a href=\"https:\/\/www.garciafaura.com\/wp-content\/uploads\/2018\/09\/Ajuntament-de-Gava\u0300-02.jpg\" title=\"Mairie de Gav\u00e0\" class=\"portfolio-entry-media-link wpex-lightbox-gallery\" data-gallery=\"[{&quot;src&quot;:&quot;https:\\\/\\\/www.garciafaura.com\\\/wp-content\\\/uploads\\\/2018\\\/09\\\/Ajuntament-de-Gava\\u0300-02.jpg&quot;},{&quot;src&quot;:&quot;https:\\\/\\\/www.garciafaura.com\\\/wp-content\\\/uploads\\\/2018\\\/11\\\/Ajuntament-de-Gava\\u0300-05.jpg&quot;},{&quot;src&quot;:&quot;https:\\\/\\\/www.garciafaura.com\\\/wp-content\\\/uploads\\\/2018\\\/11\\\/Ajuntament-de-Gava\\u0300-04.jpg&quot;},{&quot;src&quot;:&quot;https:\\\/\\\/www.garciafaura.com\\\/wp-content\\\/uploads\\\/2018\\\/11\\\/Ajuntament-de-Gava\\u0300-03.jpg&quot;},{&quot;src&quot;:&quot;https:\\\/\\\/www.garciafaura.com\\\/wp-content\\\/uploads\\\/2018\\\/11\\\/Ajuntament-de-Gava\\u0300-02.jpg&quot;},{&quot;src&quot;:&quot;https:\\\/\\\/www.garciafaura.com\\\/wp-content\\\/uploads\\\/2018\\\/11\\\/Ajuntament-de-Gava\\u0300-01.jpg&quot;},{&quot;src&quot;:&quot;https:\\\/\\\/www.garciafaura.com\\\/wp-content\\\/uploads\\\/2018\\\/09\\\/Ajuntament-de-Gava\\u0300-05.jpg&quot;},{&quot;src&quot;:&quot;https:\\\/\\\/www.garciafaura.com\\\/wp-content\\\/uploads\\\/2018\\\/09\\\/Ajuntament-de-Gava\\u0300-04.jpg&quot;},{&quot;src&quot;:&quot;https:\\\/\\\/www.garciafaura.com\\\/wp-content\\\/uploads\\\/2018\\\/09\\\/Ajuntament-de-Gava\\u0300-03.jpg&quot;},{&quot;src&quot;:&quot;https:\\\/\\\/www.garciafaura.com\\\/wp-content\\\/uploads\\\/2018\\\/09\\\/Ajuntament-de-Gava\\u0300-01.jpg&quot;}]\"><img decoding=\"async\" data-no-lazy=\"1\" class=\"portfolio-entry-img skip-lazy\" src=\"https:\/\/www.garciafaura.com\/wp-content\/uploads\/2018\/09\/Ajuntament-de-Gava\u0300-02-x.jpg\" alt='' data-no-retina \/><\/a><\/div><div class=\"portfolio-entry-details entry-details wpex-clr\"><h2 class=\"portfolio-entry-title entry-title\"><a href=\"https:\/\/www.garciafaura.com\/fr\/portfolio-item\/mairie-de-gava\/\" title=\"Mairie de Gav\u00e0\">Mairie de Gav\u00e0<\/a><\/h2><div class=\"portfolio-entry-categories entry-categories wpex-clr\"><a href=\"https:\/\/www.garciafaura.com\/fr\/portfolio-category\/batiments-de-services\/\" class=\"term-75\">B\u00e2timents de Services<\/a><\/div><\/div><\/div><\/div><div class=\"portfolio-entry vcex-grid-item entry-has-details span_1_of_3 col col-3 vcex-isotope-entry vcex-no-margin-entry post-20532 entry type-portfolio has-media cat-75 cat-92 translation_priority-5\"><div class=\"portfolio-entry-inner entry-inner wpex-clr\"><div class=\"portfolio-entry-media entry-media wpex-clr\"><a href=\"https:\/\/www.garciafaura.com\/wp-content\/uploads\/2018\/11\/Institut-Sant-Vicenc\u0327-Montalt-12.jpg\" title=\"Lyc\u00e9e Esteve Albert\" class=\"portfolio-entry-media-link wpex-lightbox-gallery\" data-gallery=\"[{&quot;src&quot;:&quot;https:\\\/\\\/www.garciafaura.com\\\/wp-content\\\/uploads\\\/2018\\\/11\\\/Institut-Sant-Vicenc\\u0327-Montalt-01.jpg&quot;},{&quot;src&quot;:&quot;https:\\\/\\\/www.garciafaura.com\\\/wp-content\\\/uploads\\\/2018\\\/11\\\/Institut-Sant-Vicenc\\u0327-Montalt-19.jpg&quot;},{&quot;src&quot;:&quot;https:\\\/\\\/www.garciafaura.com\\\/wp-content\\\/uploads\\\/2018\\\/11\\\/Institut-Sant-Vicenc\\u0327-Montalt-18.jpg&quot;},{&quot;src&quot;:&quot;https:\\\/\\\/www.garciafaura.com\\\/wp-content\\\/uploads\\\/2018\\\/11\\\/Institut-Sant-Vicenc\\u0327-Montalt-17.jpg&quot;},{&quot;src&quot;:&quot;https:\\\/\\\/www.garciafaura.com\\\/wp-content\\\/uploads\\\/2018\\\/11\\\/Institut-Sant-Vicenc\\u0327-Montalt-16.jpg&quot;},{&quot;src&quot;:&quot;https:\\\/\\\/www.garciafaura.com\\\/wp-content\\\/uploads\\\/2018\\\/11\\\/Institut-Sant-Vicenc\\u0327-Montalt-15.jpg&quot;},{&quot;src&quot;:&quot;https:\\\/\\\/www.garciafaura.com\\\/wp-content\\\/uploads\\\/2018\\\/11\\\/Institut-Sant-Vicenc\\u0327-Montalt-14.jpg&quot;},{&quot;src&quot;:&quot;https:\\\/\\\/www.garciafaura.com\\\/wp-content\\\/uploads\\\/2018\\\/11\\\/Institut-Sant-Vicenc\\u0327-Montalt-13.jpg&quot;},{&quot;src&quot;:&quot;https:\\\/\\\/www.garciafaura.com\\\/wp-content\\\/uploads\\\/2018\\\/11\\\/Institut-Sant-Vicenc\\u0327-Montalt-12.jpg&quot;},{&quot;src&quot;:&quot;https:\\\/\\\/www.garciafaura.com\\\/wp-content\\\/uploads\\\/2018\\\/11\\\/Institut-Sant-Vicenc\\u0327-Montalt-11.jpg&quot;},{&quot;src&quot;:&quot;https:\\\/\\\/www.garciafaura.com\\\/wp-content\\\/uploads\\\/2018\\\/11\\\/Institut-Sant-Vicenc\\u0327-Montalt-10.jpg&quot;},{&quot;src&quot;:&quot;https:\\\/\\\/www.garciafaura.com\\\/wp-content\\\/uploads\\\/2018\\\/11\\\/Institut-Sant-Vicenc\\u0327-Montalt-09.jpg&quot;},{&quot;src&quot;:&quot;https:\\\/\\\/www.garciafaura.com\\\/wp-content\\\/uploads\\\/2018\\\/11\\\/Institut-Sant-Vicenc\\u0327-Montalt-08.jpg&quot;},{&quot;src&quot;:&quot;https:\\\/\\\/www.garciafaura.com\\\/wp-content\\\/uploads\\\/2018\\\/11\\\/Institut-Sant-Vicenc\\u0327-Montalt-07.jpg&quot;},{&quot;src&quot;:&quot;https:\\\/\\\/www.garciafaura.com\\\/wp-content\\\/uploads\\\/2018\\\/11\\\/Institut-Sant-Vicenc\\u0327-Montalt-06.jpg&quot;},{&quot;src&quot;:&quot;https:\\\/\\\/www.garciafaura.com\\\/wp-content\\\/uploads\\\/2018\\\/11\\\/Institut-Sant-Vicenc\\u0327-Montalt-05.jpg&quot;},{&quot;src&quot;:&quot;https:\\\/\\\/www.garciafaura.com\\\/wp-content\\\/uploads\\\/2018\\\/11\\\/Institut-Sant-Vicenc\\u0327-Montalt-04.jpg&quot;},{&quot;src&quot;:&quot;https:\\\/\\\/www.garciafaura.com\\\/wp-content\\\/uploads\\\/2018\\\/11\\\/Institut-Sant-Vicenc\\u0327-Montalt-03.jpg&quot;},{&quot;src&quot;:&quot;https:\\\/\\\/www.garciafaura.com\\\/wp-content\\\/uploads\\\/2018\\\/11\\\/Institut-Sant-Vicenc\\u0327-Montalt-02.jpg&quot;}]\"><img loading=\"lazy\" decoding=\"async\" data-no-lazy=\"1\" class=\"portfolio-entry-img skip-lazy\" src=\"https:\/\/www.garciafaura.com\/wp-content\/uploads\/2018\/11\/Institut-Sant-Vicenc\u0327-Montalt-12-600x314.jpg\" alt='' data-no-retina width=\"600\" height=\"314\" \/><\/a><\/div><div class=\"portfolio-entry-details entry-details wpex-clr\"><h2 class=\"portfolio-entry-title entry-title\"><a href=\"https:\/\/www.garciafaura.com\/fr\/portfolio-item\/lycee-esteve-albert\/\" title=\"Lyc\u00e9e Esteve Albert\">Lyc\u00e9e Esteve Albert<\/a><\/h2><div class=\"portfolio-entry-categories entry-categories wpex-clr\"><a href=\"https:\/\/www.garciafaura.com\/fr\/portfolio-category\/batiments-de-services\/\" class=\"term-75\">B\u00e2timents de Services<\/a><\/div><\/div><\/div><\/div><div class=\"portfolio-entry vcex-grid-item entry-has-details span_1_of_3 col col-1 vcex-isotope-entry vcex-no-margin-entry post-20524 entry type-portfolio has-media cat-75 cat-92 cat-93 cat-95 cat-97 cat-98 translation_priority-5\"><div class=\"portfolio-entry-inner entry-inner wpex-clr\"><div class=\"portfolio-entry-media entry-media wpex-clr\"><a href=\"https:\/\/www.garciafaura.com\/wp-content\/uploads\/2018\/10\/Centro-Gestio\u0301n-Aeroportuaria-01.jpg\" title=\"Centre Gestion des A\u00e9roports de Colombie\" class=\"portfolio-entry-media-link wpex-lightbox-gallery\" data-gallery=\"[{&quot;src&quot;:&quot;https:\\\/\\\/www.garciafaura.com\\\/wp-content\\\/uploads\\\/2018\\\/10\\\/Centro-Gestio\\u0301n-Aeroportuaria-01.jpg&quot;},{&quot;src&quot;:&quot;https:\\\/\\\/www.garciafaura.com\\\/wp-content\\\/uploads\\\/2018\\\/10\\\/Centro-Gestio\\u0301n-Aeroportuaria-11.jpg&quot;},{&quot;src&quot;:&quot;https:\\\/\\\/www.garciafaura.com\\\/wp-content\\\/uploads\\\/2018\\\/10\\\/Centro-Gestio\\u0301n-Aeroportuaria-10.jpg&quot;},{&quot;src&quot;:&quot;https:\\\/\\\/www.garciafaura.com\\\/wp-content\\\/uploads\\\/2018\\\/10\\\/Centro-Gestio\\u0301n-Aeroportuaria-09.jpg&quot;},{&quot;src&quot;:&quot;https:\\\/\\\/www.garciafaura.com\\\/wp-content\\\/uploads\\\/2018\\\/10\\\/Centro-Gestio\\u0301n-Aeroportuaria-08.jpg&quot;},{&quot;src&quot;:&quot;https:\\\/\\\/www.garciafaura.com\\\/wp-content\\\/uploads\\\/2018\\\/10\\\/Centro-Gestio\\u0301n-Aeroportuaria-07.jpg&quot;},{&quot;src&quot;:&quot;https:\\\/\\\/www.garciafaura.com\\\/wp-content\\\/uploads\\\/2018\\\/10\\\/Centro-Gestio\\u0301n-Aeroportuaria-06.jpg&quot;},{&quot;src&quot;:&quot;https:\\\/\\\/www.garciafaura.com\\\/wp-content\\\/uploads\\\/2018\\\/10\\\/Centro-Gestio\\u0301n-Aeroportuaria-05.jpg&quot;},{&quot;src&quot;:&quot;https:\\\/\\\/www.garciafaura.com\\\/wp-content\\\/uploads\\\/2018\\\/10\\\/Centro-Gestio\\u0301n-Aeroportuaria-04.jpg&quot;},{&quot;src&quot;:&quot;https:\\\/\\\/www.garciafaura.com\\\/wp-content\\\/uploads\\\/2018\\\/10\\\/Centro-Gestio\\u0301n-Aeroportuaria-03.jpg&quot;},{&quot;src&quot;:&quot;https:\\\/\\\/www.garciafaura.com\\\/wp-content\\\/uploads\\\/2018\\\/10\\\/Centro-Gestio\\u0301n-Aeroportuaria-02.jpg&quot;}]\"><img loading=\"lazy\" decoding=\"async\" data-no-lazy=\"1\" class=\"portfolio-entry-img skip-lazy\" src=\"https:\/\/www.garciafaura.com\/wp-content\/uploads\/2018\/10\/Centro-Gestio\u0301n-Aeroportuaria-01-600x314.jpg\" alt='' data-no-retina width=\"600\" height=\"314\" \/><\/a><\/div><div class=\"portfolio-entry-details entry-details wpex-clr\"><h2 class=\"portfolio-entry-title entry-title\"><a href=\"https:\/\/www.garciafaura.com\/fr\/portfolio-item\/centre-gestion-des-aeroports-de-colombie\/\" title=\"Centre Gestion des A\u00e9roports de Colombie\">Centre Gestion des A\u00e9roports de Colombie<\/a><\/h2><div class=\"portfolio-entry-categories entry-categories wpex-clr\"><a href=\"https:\/\/www.garciafaura.com\/fr\/portfolio-category\/batiments-de-services\/\" class=\"term-75\">B\u00e2timents de Services<\/a><\/div><\/div><\/div><\/div><div class=\"portfolio-entry vcex-grid-item entry-has-details span_1_of_3 col col-2 vcex-isotope-entry vcex-no-margin-entry post-20523 entry type-portfolio has-media cat-75 cat-92 cat-97 cat-98 translation_priority-5\"><div class=\"portfolio-entry-inner entry-inner wpex-clr\"><div class=\"portfolio-entry-media entry-media wpex-clr\"><a href=\"https:\/\/www.garciafaura.com\/wp-content\/uploads\/2018\/10\/Colo\u0300mbia-Torre-Control-El-Dorado-02.jpg\" title=\"Tour de Contr\u00f4le A\u00e9roport El Dorado\" class=\"portfolio-entry-media-link wpex-lightbox-gallery\" data-gallery=\"[{&quot;src&quot;:&quot;https:\\\/\\\/www.garciafaura.com\\\/wp-content\\\/uploads\\\/2018\\\/10\\\/Colo\\u0300mbia-Torre-Control-El-Dorado-01.jpg&quot;},{&quot;src&quot;:&quot;https:\\\/\\\/www.garciafaura.com\\\/wp-content\\\/uploads\\\/2018\\\/10\\\/Colo\\u0300mbia-Torre-Control-El-Dorado-09.jpg&quot;},{&quot;src&quot;:&quot;https:\\\/\\\/www.garciafaura.com\\\/wp-content\\\/uploads\\\/2018\\\/10\\\/Colo\\u0300mbia-Torre-Control-El-Dorado-08.jpg&quot;},{&quot;src&quot;:&quot;https:\\\/\\\/www.garciafaura.com\\\/wp-content\\\/uploads\\\/2018\\\/10\\\/Colo\\u0300mbia-Torre-Control-El-Dorado-07.jpg&quot;},{&quot;src&quot;:&quot;https:\\\/\\\/www.garciafaura.com\\\/wp-content\\\/uploads\\\/2018\\\/10\\\/Colo\\u0300mbia-Torre-Control-El-Dorado-06.jpg&quot;},{&quot;src&quot;:&quot;https:\\\/\\\/www.garciafaura.com\\\/wp-content\\\/uploads\\\/2018\\\/10\\\/Colo\\u0300mbia-Torre-Control-El-Dorado-05.jpg&quot;},{&quot;src&quot;:&quot;https:\\\/\\\/www.garciafaura.com\\\/wp-content\\\/uploads\\\/2018\\\/10\\\/Colo\\u0300mbia-Torre-Control-El-Dorado-04.jpg&quot;},{&quot;src&quot;:&quot;https:\\\/\\\/www.garciafaura.com\\\/wp-content\\\/uploads\\\/2018\\\/10\\\/Colo\\u0300mbia-Torre-Control-El-Dorado-03.jpg&quot;},{&quot;src&quot;:&quot;https:\\\/\\\/www.garciafaura.com\\\/wp-content\\\/uploads\\\/2018\\\/10\\\/Colo\\u0300mbia-Torre-Control-El-Dorado-02.jpg&quot;}]\"><img loading=\"lazy\" decoding=\"async\" data-no-lazy=\"1\" class=\"portfolio-entry-img skip-lazy\" src=\"https:\/\/www.garciafaura.com\/wp-content\/uploads\/2018\/10\/Colo\u0300mbia-Torre-Control-El-Dorado-02-600x314.jpg\" alt='' data-no-retina width=\"600\" height=\"314\" \/><\/a><\/div><div class=\"portfolio-entry-details entry-details wpex-clr\"><h2 class=\"portfolio-entry-title entry-title\"><a href=\"https:\/\/www.garciafaura.com\/fr\/portfolio-item\/tour-de-controle-aeroport-el-dorado\/\" title=\"Tour de Contr\u00f4le A\u00e9roport El Dorado\">Tour de Contr\u00f4le A\u00e9roport El Dorado<\/a><\/h2><div class=\"portfolio-entry-categories entry-categories wpex-clr\"><a href=\"https:\/\/www.garciafaura.com\/fr\/portfolio-category\/batiments-de-services\/\" class=\"term-75\">B\u00e2timents de Services<\/a><\/div><\/div><\/div><\/div><div class=\"portfolio-entry vcex-grid-item entry-has-details span_1_of_3 col col-3 vcex-isotope-entry vcex-no-margin-entry post-20522 entry type-portfolio has-media cat-75 translation_priority-5\"><div class=\"portfolio-entry-inner entry-inner wpex-clr\"><div class=\"portfolio-entry-media entry-media wpex-clr\"><a href=\"https:\/\/www.garciafaura.com\/wp-content\/uploads\/2018\/10\/Escola-Els-Vinyals-Llic\u0327a\u0300-de-Vall-07.jpg\" title=\"\u00c9cole Els Vinyals\" class=\"portfolio-entry-media-link wpex-lightbox-gallery\" data-gallery=\"[{&quot;src&quot;:&quot;https:\\\/\\\/www.garciafaura.com\\\/wp-content\\\/uploads\\\/2018\\\/10\\\/Escola-Els-Vinyals-Llic\\u0327a\\u0300-de-Vall-01.jpg&quot;},{&quot;src&quot;:&quot;https:\\\/\\\/www.garciafaura.com\\\/wp-content\\\/uploads\\\/2018\\\/10\\\/Escola-Els-Vinyals-Llic\\u0327a\\u0300-de-Vall-08.jpg&quot;},{&quot;src&quot;:&quot;https:\\\/\\\/www.garciafaura.com\\\/wp-content\\\/uploads\\\/2018\\\/10\\\/Escola-Els-Vinyals-Llic\\u0327a\\u0300-de-Vall-07.jpg&quot;},{&quot;src&quot;:&quot;https:\\\/\\\/www.garciafaura.com\\\/wp-content\\\/uploads\\\/2018\\\/10\\\/Escola-Els-Vinyals-Llic\\u0327a\\u0300-de-Vall-06.jpg&quot;},{&quot;src&quot;:&quot;https:\\\/\\\/www.garciafaura.com\\\/wp-content\\\/uploads\\\/2018\\\/10\\\/Escola-Els-Vinyals-Llic\\u0327a\\u0300-de-Vall-05.jpg&quot;},{&quot;src&quot;:&quot;https:\\\/\\\/www.garciafaura.com\\\/wp-content\\\/uploads\\\/2018\\\/10\\\/Escola-Els-Vinyals-Llic\\u0327a\\u0300-de-Vall-04.jpg&quot;},{&quot;src&quot;:&quot;https:\\\/\\\/www.garciafaura.com\\\/wp-content\\\/uploads\\\/2018\\\/10\\\/Escola-Els-Vinyals-Llic\\u0327a\\u0300-de-Vall-03.jpg&quot;},{&quot;src&quot;:&quot;https:\\\/\\\/www.garciafaura.com\\\/wp-content\\\/uploads\\\/2018\\\/10\\\/Escola-Els-Vinyals-Llic\\u0327a\\u0300-de-Vall-02.jpg&quot;}]\"><img loading=\"lazy\" decoding=\"async\" data-no-lazy=\"1\" class=\"portfolio-entry-img skip-lazy\" src=\"https:\/\/www.garciafaura.com\/wp-content\/uploads\/2018\/10\/Escola-Els-Vinyals-Llic\u0327a\u0300-de-Vall-07-600x314.jpg\" alt='' data-no-retina width=\"600\" height=\"314\" \/><\/a><\/div><div class=\"portfolio-entry-details entry-details wpex-clr\"><h2 class=\"portfolio-entry-title entry-title\"><a href=\"https:\/\/www.garciafaura.com\/fr\/portfolio-item\/ecole-els-vinyals\/\" title=\"\u00c9cole Els Vinyals\">\u00c9cole Els Vinyals<\/a><\/h2><div class=\"portfolio-entry-categories entry-categories wpex-clr\"><a href=\"https:\/\/www.garciafaura.com\/fr\/portfolio-category\/batiments-de-services\/\" class=\"term-75\">B\u00e2timents de Services<\/a><\/div><\/div><\/div><\/div><div class=\"portfolio-entry vcex-grid-item entry-has-details span_1_of_3 col col-1 vcex-isotope-entry vcex-no-margin-entry post-20520 entry type-portfolio has-media cat-75 translation_priority-5\"><div class=\"portfolio-entry-inner entry-inner wpex-clr\"><div class=\"portfolio-entry-media entry-media wpex-clr\"><a href=\"https:\/\/www.garciafaura.com\/wp-content\/uploads\/2018\/10\/Comissaria-Lloret-02.jpg\" title=\"Commissariat Lloret de Mar\" class=\"portfolio-entry-media-link wpex-lightbox-gallery\" data-gallery=\"[{&quot;src&quot;:&quot;https:\\\/\\\/www.garciafaura.com\\\/wp-content\\\/uploads\\\/2018\\\/10\\\/Comissaria-Lloret-01.jpg&quot;},{&quot;src&quot;:&quot;https:\\\/\\\/www.garciafaura.com\\\/wp-content\\\/uploads\\\/2018\\\/10\\\/Comissaria-Lloret-36.jpg&quot;},{&quot;src&quot;:&quot;https:\\\/\\\/www.garciafaura.com\\\/wp-content\\\/uploads\\\/2018\\\/10\\\/Comissaria-Lloret-35.jpg&quot;},{&quot;src&quot;:&quot;https:\\\/\\\/www.garciafaura.com\\\/wp-content\\\/uploads\\\/2018\\\/10\\\/Comissaria-Lloret-34.jpg&quot;},{&quot;src&quot;:&quot;https:\\\/\\\/www.garciafaura.com\\\/wp-content\\\/uploads\\\/2018\\\/10\\\/Comissaria-Lloret-33.jpg&quot;},{&quot;src&quot;:&quot;https:\\\/\\\/www.garciafaura.com\\\/wp-content\\\/uploads\\\/2018\\\/10\\\/Comissaria-Lloret-32.jpg&quot;},{&quot;src&quot;:&quot;https:\\\/\\\/www.garciafaura.com\\\/wp-content\\\/uploads\\\/2018\\\/10\\\/Comissaria-Lloret-31.jpg&quot;},{&quot;src&quot;:&quot;https:\\\/\\\/www.garciafaura.com\\\/wp-content\\\/uploads\\\/2018\\\/10\\\/Comissaria-Lloret-30.jpg&quot;},{&quot;src&quot;:&quot;https:\\\/\\\/www.garciafaura.com\\\/wp-content\\\/uploads\\\/2018\\\/10\\\/Comissaria-Lloret-29.jpg&quot;},{&quot;src&quot;:&quot;https:\\\/\\\/www.garciafaura.com\\\/wp-content\\\/uploads\\\/2018\\\/10\\\/Comissaria-Lloret-28.jpg&quot;},{&quot;src&quot;:&quot;https:\\\/\\\/www.garciafaura.com\\\/wp-content\\\/uploads\\\/2018\\\/10\\\/Comissaria-Lloret-27.jpg&quot;},{&quot;src&quot;:&quot;https:\\\/\\\/www.garciafaura.com\\\/wp-content\\\/uploads\\\/2018\\\/10\\\/Comissaria-Lloret-26.jpg&quot;},{&quot;src&quot;:&quot;https:\\\/\\\/www.garciafaura.com\\\/wp-content\\\/uploads\\\/2018\\\/10\\\/Comissaria-Lloret-25.jpg&quot;},{&quot;src&quot;:&quot;https:\\\/\\\/www.garciafaura.com\\\/wp-content\\\/uploads\\\/2018\\\/10\\\/Comissaria-Lloret-24.jpg&quot;},{&quot;src&quot;:&quot;https:\\\/\\\/www.garciafaura.com\\\/wp-content\\\/uploads\\\/2018\\\/10\\\/Comissaria-Lloret-23.jpg&quot;},{&quot;src&quot;:&quot;https:\\\/\\\/www.garciafaura.com\\\/wp-content\\\/uploads\\\/2018\\\/10\\\/Comissaria-Lloret-22.jpg&quot;},{&quot;src&quot;:&quot;https:\\\/\\\/www.garciafaura.com\\\/wp-content\\\/uploads\\\/2018\\\/10\\\/Comissaria-Lloret-21.jpg&quot;},{&quot;src&quot;:&quot;https:\\\/\\\/www.garciafaura.com\\\/wp-content\\\/uploads\\\/2018\\\/10\\\/Comissaria-Lloret-20.jpg&quot;},{&quot;src&quot;:&quot;https:\\\/\\\/www.garciafaura.com\\\/wp-content\\\/uploads\\\/2018\\\/10\\\/Comissaria-Lloret-19.jpg&quot;},{&quot;src&quot;:&quot;https:\\\/\\\/www.garciafaura.com\\\/wp-content\\\/uploads\\\/2018\\\/10\\\/Comissaria-Lloret-18.jpg&quot;},{&quot;src&quot;:&quot;https:\\\/\\\/www.garciafaura.com\\\/wp-content\\\/uploads\\\/2018\\\/10\\\/Comissaria-Lloret-17.jpg&quot;},{&quot;src&quot;:&quot;https:\\\/\\\/www.garciafaura.com\\\/wp-content\\\/uploads\\\/2018\\\/10\\\/Comissaria-Lloret-16.jpg&quot;},{&quot;src&quot;:&quot;https:\\\/\\\/www.garciafaura.com\\\/wp-content\\\/uploads\\\/2018\\\/10\\\/Comissaria-Lloret-15.jpg&quot;},{&quot;src&quot;:&quot;https:\\\/\\\/www.garciafaura.com\\\/wp-content\\\/uploads\\\/2018\\\/10\\\/Comissaria-Lloret-14.jpg&quot;},{&quot;src&quot;:&quot;https:\\\/\\\/www.garciafaura.com\\\/wp-content\\\/uploads\\\/2018\\\/10\\\/Comissaria-Lloret-13.jpg&quot;},{&quot;src&quot;:&quot;https:\\\/\\\/www.garciafaura.com\\\/wp-content\\\/uploads\\\/2018\\\/10\\\/Comissaria-Lloret-12.jpg&quot;},{&quot;src&quot;:&quot;https:\\\/\\\/www.garciafaura.com\\\/wp-content\\\/uploads\\\/2018\\\/10\\\/Comissaria-Lloret-11.jpg&quot;},{&quot;src&quot;:&quot;https:\\\/\\\/www.garciafaura.com\\\/wp-content\\\/uploads\\\/2018\\\/10\\\/Comissaria-Lloret-10.jpg&quot;},{&quot;src&quot;:&quot;https:\\\/\\\/www.garciafaura.com\\\/wp-content\\\/uploads\\\/2018\\\/10\\\/Comissaria-Lloret-09.jpg&quot;},{&quot;src&quot;:&quot;https:\\\/\\\/www.garciafaura.com\\\/wp-content\\\/uploads\\\/2018\\\/10\\\/Comissaria-Lloret-08.jpg&quot;},{&quot;src&quot;:&quot;https:\\\/\\\/www.garciafaura.com\\\/wp-content\\\/uploads\\\/2018\\\/10\\\/Comissaria-Lloret-07.jpg&quot;},{&quot;src&quot;:&quot;https:\\\/\\\/www.garciafaura.com\\\/wp-content\\\/uploads\\\/2018\\\/10\\\/Comissaria-Lloret-06.jpg&quot;},{&quot;src&quot;:&quot;https:\\\/\\\/www.garciafaura.com\\\/wp-content\\\/uploads\\\/2018\\\/10\\\/Comissaria-Lloret-05.jpg&quot;},{&quot;src&quot;:&quot;https:\\\/\\\/www.garciafaura.com\\\/wp-content\\\/uploads\\\/2018\\\/10\\\/Comissaria-Lloret-04.jpg&quot;},{&quot;src&quot;:&quot;https:\\\/\\\/www.garciafaura.com\\\/wp-content\\\/uploads\\\/2018\\\/10\\\/Comissaria-Lloret-03.jpg&quot;},{&quot;src&quot;:&quot;https:\\\/\\\/www.garciafaura.com\\\/wp-content\\\/uploads\\\/2018\\\/10\\\/Comissaria-Lloret-02.jpg&quot;}]\"><img loading=\"lazy\" decoding=\"async\" data-no-lazy=\"1\" class=\"portfolio-entry-img skip-lazy\" src=\"https:\/\/www.garciafaura.com\/wp-content\/uploads\/2018\/10\/Comissaria-Lloret-02-600x314.jpg\" alt='' data-no-retina width=\"600\" height=\"314\" \/><\/a><\/div><div class=\"portfolio-entry-details entry-details wpex-clr\"><h2 class=\"portfolio-entry-title entry-title\"><a href=\"https:\/\/www.garciafaura.com\/fr\/portfolio-item\/commissariat-lloret-de-mar\/\" title=\"Commissariat Lloret de Mar\">Commissariat Lloret de Mar<\/a><\/h2><div class=\"portfolio-entry-categories entry-categories wpex-clr\"><a href=\"https:\/\/www.garciafaura.com\/fr\/portfolio-category\/batiments-de-services\/\" class=\"term-75\">B\u00e2timents de Services<\/a><\/div><\/div><\/div><\/div><div class=\"portfolio-entry vcex-grid-item entry-has-details span_1_of_3 col col-2 vcex-isotope-entry vcex-no-margin-entry post-20521 entry type-portfolio has-media cat-75 translation_priority-5\"><div class=\"portfolio-entry-inner entry-inner wpex-clr\"><div class=\"portfolio-entry-media entry-media wpex-clr\"><a href=\"https:\/\/www.garciafaura.com\/wp-content\/uploads\/2018\/10\/Escola-Serravella-01.jpg\" title=\"\u00c9cole Serralavella\" class=\"portfolio-entry-media-link wpex-lightbox-gallery\" data-gallery=\"[{&quot;src&quot;:&quot;https:\\\/\\\/www.garciafaura.com\\\/wp-content\\\/uploads\\\/2018\\\/10\\\/Escola-Serravella-01.jpg&quot;},{&quot;src&quot;:&quot;https:\\\/\\\/www.garciafaura.com\\\/wp-content\\\/uploads\\\/2018\\\/10\\\/Escola-Serravella-18.jpg&quot;},{&quot;src&quot;:&quot;https:\\\/\\\/www.garciafaura.com\\\/wp-content\\\/uploads\\\/2018\\\/10\\\/Escola-Serravella-17.jpg&quot;},{&quot;src&quot;:&quot;https:\\\/\\\/www.garciafaura.com\\\/wp-content\\\/uploads\\\/2018\\\/10\\\/Escola-Serravella-16.jpg&quot;},{&quot;src&quot;:&quot;https:\\\/\\\/www.garciafaura.com\\\/wp-content\\\/uploads\\\/2018\\\/10\\\/Escola-Serravella-14.jpg&quot;,&quot;title&quot;:&quot;Tancaments de la nova escola p\\u00fablica&quot;},{&quot;src&quot;:&quot;https:\\\/\\\/www.garciafaura.com\\\/wp-content\\\/uploads\\\/2018\\\/10\\\/Escola-Serravella-15.jpg&quot;},{&quot;src&quot;:&quot;https:\\\/\\\/www.garciafaura.com\\\/wp-content\\\/uploads\\\/2018\\\/10\\\/Escola-Serravella-13.jpg&quot;},{&quot;src&quot;:&quot;https:\\\/\\\/www.garciafaura.com\\\/wp-content\\\/uploads\\\/2018\\\/10\\\/Escola-Serravella-12.jpg&quot;},{&quot;src&quot;:&quot;https:\\\/\\\/www.garciafaura.com\\\/wp-content\\\/uploads\\\/2018\\\/10\\\/Escola-Serravella-11.jpg&quot;},{&quot;src&quot;:&quot;https:\\\/\\\/www.garciafaura.com\\\/wp-content\\\/uploads\\\/2018\\\/10\\\/Escola-Serravella-09.jpg&quot;},{&quot;src&quot;:&quot;https:\\\/\\\/www.garciafaura.com\\\/wp-content\\\/uploads\\\/2018\\\/10\\\/Escola-Serravella-08.jpg&quot;},{&quot;src&quot;:&quot;https:\\\/\\\/www.garciafaura.com\\\/wp-content\\\/uploads\\\/2018\\\/10\\\/Escola-Serravella-07.jpg&quot;},{&quot;src&quot;:&quot;https:\\\/\\\/www.garciafaura.com\\\/wp-content\\\/uploads\\\/2018\\\/10\\\/Escola-Serravella-06.jpg&quot;},{&quot;src&quot;:&quot;https:\\\/\\\/www.garciafaura.com\\\/wp-content\\\/uploads\\\/2018\\\/10\\\/Escola-Serravella-05.jpg&quot;},{&quot;src&quot;:&quot;https:\\\/\\\/www.garciafaura.com\\\/wp-content\\\/uploads\\\/2018\\\/10\\\/Escola-Serravella-04.jpg&quot;},{&quot;src&quot;:&quot;https:\\\/\\\/www.garciafaura.com\\\/wp-content\\\/uploads\\\/2018\\\/10\\\/Escola-Serravella-03.jpg&quot;},{&quot;src&quot;:&quot;https:\\\/\\\/www.garciafaura.com\\\/wp-content\\\/uploads\\\/2018\\\/10\\\/Escola-Serravella-02.jpg&quot;}]\"><img loading=\"lazy\" decoding=\"async\" data-no-lazy=\"1\" class=\"portfolio-entry-img skip-lazy\" src=\"https:\/\/www.garciafaura.com\/wp-content\/uploads\/2018\/10\/Escola-Serravella-01-600x314.jpg\" alt='' data-no-retina width=\"600\" height=\"314\" \/><\/a><\/div><div class=\"portfolio-entry-details entry-details wpex-clr\"><h2 class=\"portfolio-entry-title entry-title\"><a href=\"https:\/\/www.garciafaura.com\/fr\/portfolio-item\/ecole-serralavella\/\" title=\"\u00c9cole Serralavella\">\u00c9cole Serralavella<\/a><\/h2><div class=\"portfolio-entry-categories entry-categories wpex-clr\"><a href=\"https:\/\/www.garciafaura.com\/fr\/portfolio-category\/batiments-de-services\/\" class=\"term-75\">B\u00e2timents de Services<\/a><\/div><\/div><\/div><\/div><div class=\"portfolio-entry vcex-grid-item entry-has-details span_1_of_3 col col-3 vcex-isotope-entry vcex-no-margin-entry post-20507 entry type-portfolio has-media cat-75 cat-93 translation_priority-5\"><div class=\"portfolio-entry-inner entry-inner wpex-clr\"><div class=\"portfolio-entry-media entry-media wpex-clr\"><a href=\"https:\/\/www.garciafaura.com\/wp-content\/uploads\/2018\/11\/Audie\u0300ncia-Provincial-Saragossa-02.jpg\" title=\"Audience Provinciale de Saragosse\" class=\"portfolio-entry-media-link wpex-lightbox-gallery\" data-gallery=\"[{&quot;src&quot;:&quot;https:\\\/\\\/www.garciafaura.com\\\/wp-content\\\/uploads\\\/2018\\\/11\\\/Audie\\u0300ncia-Provincial-Saragossa-01.jpg&quot;,&quot;title&quot;:&quot;1155 m\\u00b2 de fermetures et mur-rideau \\u00e0 Saragosse&quot;},{&quot;src&quot;:&quot;https:\\\/\\\/www.garciafaura.com\\\/wp-content\\\/uploads\\\/2018\\\/11\\\/Audie\\u0300ncia-Provincial-Saragossa-07.jpg&quot;,&quot;title&quot;:&quot;1155 m\\u00b2 de fermetures et mur-rideau \\u00e0 Saragosse&quot;},{&quot;src&quot;:&quot;https:\\\/\\\/www.garciafaura.com\\\/wp-content\\\/uploads\\\/2018\\\/11\\\/Audie\\u0300ncia-Provincial-Saragossa-06.jpg&quot;,&quot;title&quot;:&quot;1155 m\\u00b2 de fermetures et mur-rideau \\u00e0 Saragosse&quot;},{&quot;src&quot;:&quot;https:\\\/\\\/www.garciafaura.com\\\/wp-content\\\/uploads\\\/2018\\\/11\\\/Audie\\u0300ncia-Provincial-Saragossa-05.jpg&quot;,&quot;title&quot;:&quot;1155 m\\u00b2 de fermetures et mur-rideau \\u00e0 Saragosse&quot;},{&quot;src&quot;:&quot;https:\\\/\\\/www.garciafaura.com\\\/wp-content\\\/uploads\\\/2018\\\/11\\\/Audie\\u0300ncia-Provincial-Saragossa-04.jpg&quot;,&quot;title&quot;:&quot;1155 m\\u00b2 de fermetures et mur-rideau \\u00e0 Saragosse&quot;},{&quot;src&quot;:&quot;https:\\\/\\\/www.garciafaura.com\\\/wp-content\\\/uploads\\\/2018\\\/11\\\/Audie\\u0300ncia-Provincial-Saragossa-03.jpg&quot;,&quot;title&quot;:&quot;1155 m\\u00b2 de fermetures et mur-rideau \\u00e0 Saragosse&quot;},{&quot;src&quot;:&quot;https:\\\/\\\/www.garciafaura.com\\\/wp-content\\\/uploads\\\/2018\\\/11\\\/Audie\\u0300ncia-Provincial-Saragossa-02.jpg&quot;,&quot;title&quot;:&quot;1155 m\\u00b2 de fermetures et mur-rideau \\u00e0 Saragosse&quot;}]\"><img loading=\"lazy\" decoding=\"async\" data-no-lazy=\"1\" class=\"portfolio-entry-img skip-lazy\" src=\"https:\/\/www.garciafaura.com\/wp-content\/uploads\/2018\/11\/Audie\u0300ncia-Provincial-Saragossa-02.jpg\" alt=\"1155 M\u00b2 De Fermetures Et Mur-rideau \u00e0 Saragosse\" data-no-retina width=\"553\" height=\"289\" \/><\/a><\/div><div class=\"portfolio-entry-details entry-details wpex-clr\"><h2 class=\"portfolio-entry-title entry-title\"><a href=\"https:\/\/www.garciafaura.com\/fr\/portfolio-item\/audience-provinciale-de-saragosse\/\" title=\"Audience Provinciale de Saragosse\">Audience Provinciale de Saragosse<\/a><\/h2><div class=\"portfolio-entry-categories entry-categories wpex-clr\"><a href=\"https:\/\/www.garciafaura.com\/fr\/portfolio-category\/batiments-de-services\/\" class=\"term-75\">B\u00e2timents de Services<\/a><\/div><\/div><\/div><\/div><div class=\"portfolio-entry vcex-grid-item entry-has-details span_1_of_3 col col-1 vcex-isotope-entry vcex-no-margin-entry post-20502 entry type-portfolio has-media cat-75 cat-92 cat-93 translation_priority-5\"><div class=\"portfolio-entry-inner entry-inner wpex-clr\"><div class=\"portfolio-entry-media entry-media wpex-clr\"><a href=\"https:\/\/www.garciafaura.com\/wp-content\/uploads\/2018\/11\/Terminal-Grimaldi-19.jpg\" title=\"Terminal Grimaldi\" class=\"portfolio-entry-media-link wpex-lightbox-gallery\" data-gallery=\"[{&quot;src&quot;:&quot;https:\\\/\\\/www.garciafaura.com\\\/wp-content\\\/uploads\\\/2018\\\/11\\\/Terminal-Grimaldi-01.jpg&quot;,&quot;title&quot;:&quot;Nouveau terminal de la compagnie Grimaldi dans le Port de Barcelone&quot;},{&quot;src&quot;:&quot;https:\\\/\\\/www.garciafaura.com\\\/wp-content\\\/uploads\\\/2018\\\/11\\\/Terminal-Grimaldi-19.jpg&quot;,&quot;title&quot;:&quot;Nouveau terminal de la compagnie Grimaldi dans le Port de Barcelone&quot;},{&quot;src&quot;:&quot;https:\\\/\\\/www.garciafaura.com\\\/wp-content\\\/uploads\\\/2018\\\/11\\\/Terminal-Grimaldi-18.jpg&quot;,&quot;title&quot;:&quot;Nouveau terminal de la compagnie Grimaldi dans le Port de Barcelone&quot;},{&quot;src&quot;:&quot;https:\\\/\\\/www.garciafaura.com\\\/wp-content\\\/uploads\\\/2018\\\/11\\\/Terminal-Grimaldi-17.jpg&quot;,&quot;title&quot;:&quot;Nouveau terminal de la compagnie Grimaldi dans le Port de Barcelone&quot;},{&quot;src&quot;:&quot;https:\\\/\\\/www.garciafaura.com\\\/wp-content\\\/uploads\\\/2018\\\/11\\\/Terminal-Grimaldi-16.jpg&quot;,&quot;title&quot;:&quot;Nouveau terminal de la compagnie Grimaldi dans le Port de Barcelone&quot;},{&quot;src&quot;:&quot;https:\\\/\\\/www.garciafaura.com\\\/wp-content\\\/uploads\\\/2018\\\/11\\\/Terminal-Grimaldi-15.jpg&quot;,&quot;title&quot;:&quot;Nouveau terminal de la compagnie Grimaldi dans le Port de Barcelone&quot;},{&quot;src&quot;:&quot;https:\\\/\\\/www.garciafaura.com\\\/wp-content\\\/uploads\\\/2018\\\/11\\\/Terminal-Grimaldi-14.jpg&quot;,&quot;title&quot;:&quot;Nouveau terminal de la compagnie Grimaldi dans le Port de Barcelone&quot;},{&quot;src&quot;:&quot;https:\\\/\\\/www.garciafaura.com\\\/wp-content\\\/uploads\\\/2018\\\/11\\\/Terminal-Grimaldi-13.jpg&quot;,&quot;title&quot;:&quot;Nouveau terminal de la compagnie Grimaldi dans le Port de Barcelone&quot;},{&quot;src&quot;:&quot;https:\\\/\\\/www.garciafaura.com\\\/wp-content\\\/uploads\\\/2018\\\/11\\\/Terminal-Grimaldi-12.jpg&quot;,&quot;title&quot;:&quot;Nouveau terminal de la compagnie Grimaldi dans le Port de Barcelone&quot;},{&quot;src&quot;:&quot;https:\\\/\\\/www.garciafaura.com\\\/wp-content\\\/uploads\\\/2018\\\/11\\\/Terminal-Grimaldi-11.jpg&quot;,&quot;title&quot;:&quot;Nouveau terminal de la compagnie Grimaldi dans le Port de Barcelone&quot;},{&quot;src&quot;:&quot;https:\\\/\\\/www.garciafaura.com\\\/wp-content\\\/uploads\\\/2018\\\/11\\\/Terminal-Grimaldi-10.jpg&quot;,&quot;title&quot;:&quot;Nouveau terminal de la compagnie Grimaldi dans le Port de Barcelone&quot;},{&quot;src&quot;:&quot;https:\\\/\\\/www.garciafaura.com\\\/wp-content\\\/uploads\\\/2018\\\/11\\\/Terminal-Grimaldi-09.jpg&quot;,&quot;title&quot;:&quot;Nouveau terminal de la compagnie Grimaldi dans le Port de Barcelone&quot;},{&quot;src&quot;:&quot;https:\\\/\\\/www.garciafaura.com\\\/wp-content\\\/uploads\\\/2018\\\/11\\\/Terminal-Grimaldi-08.jpg&quot;,&quot;title&quot;:&quot;Nouveau terminal de la compagnie Grimaldi dans le Port de Barcelone&quot;},{&quot;src&quot;:&quot;https:\\\/\\\/www.garciafaura.com\\\/wp-content\\\/uploads\\\/2018\\\/11\\\/Terminal-Grimaldi-07.jpg&quot;,&quot;title&quot;:&quot;Nouveau terminal de la compagnie Grimaldi dans le Port de Barcelone&quot;},{&quot;src&quot;:&quot;https:\\\/\\\/www.garciafaura.com\\\/wp-content\\\/uploads\\\/2018\\\/11\\\/Terminal-Grimaldi-06.jpg&quot;,&quot;title&quot;:&quot;Nouveau terminal de la compagnie Grimaldi dans le Port de Barcelone&quot;},{&quot;src&quot;:&quot;https:\\\/\\\/www.garciafaura.com\\\/wp-content\\\/uploads\\\/2018\\\/11\\\/Terminal-Grimaldi-05.jpg&quot;,&quot;title&quot;:&quot;Nouveau terminal de la compagnie Grimaldi dans le Port de Barcelone&quot;},{&quot;src&quot;:&quot;https:\\\/\\\/www.garciafaura.com\\\/wp-content\\\/uploads\\\/2018\\\/11\\\/Terminal-Grimaldi-04.jpg&quot;,&quot;title&quot;:&quot;Nouveau terminal de la compagnie Grimaldi dans le Port de Barcelone&quot;},{&quot;src&quot;:&quot;https:\\\/\\\/www.garciafaura.com\\\/wp-content\\\/uploads\\\/2018\\\/11\\\/Terminal-Grimaldi-03.jpg&quot;,&quot;title&quot;:&quot;Nouveau terminal de la compagnie Grimaldi dans le Port de Barcelone&quot;},{&quot;src&quot;:&quot;https:\\\/\\\/www.garciafaura.com\\\/wp-content\\\/uploads\\\/2018\\\/11\\\/Terminal-Grimaldi-02.jpg&quot;,&quot;title&quot;:&quot;Nouveau terminal de la compagnie Grimaldi dans le Port de Barcelone&quot;}]\"><img loading=\"lazy\" decoding=\"async\" data-no-lazy=\"1\" class=\"portfolio-entry-img skip-lazy\" src=\"https:\/\/www.garciafaura.com\/wp-content\/uploads\/2018\/11\/Terminal-Grimaldi-19-600x314.jpg\" alt=\"Nouveau Terminal De La Compagnie Grimaldi Dans Le Port De Barcelone\" data-no-retina width=\"600\" height=\"314\" \/><\/a><\/div><div class=\"portfolio-entry-details entry-details wpex-clr\"><h2 class=\"portfolio-entry-title entry-title\"><a href=\"https:\/\/www.garciafaura.com\/fr\/portfolio-item\/terminal-grimaldi\/\" title=\"Terminal Grimaldi\">Terminal Grimaldi<\/a><\/h2><div class=\"portfolio-entry-categories entry-categories wpex-clr\"><a href=\"https:\/\/www.garciafaura.com\/fr\/portfolio-category\/batiments-de-services\/\" class=\"term-75\">B\u00e2timents de Services<\/a><\/div><\/div><\/div><\/div><div class=\"portfolio-entry vcex-grid-item entry-has-details span_1_of_3 col col-2 vcex-isotope-entry vcex-no-margin-entry post-20501 entry type-portfolio has-media cat-75 translation_priority-5\"><div class=\"portfolio-entry-inner entry-inner wpex-clr\"><div class=\"portfolio-entry-media entry-media wpex-clr\"><a href=\"https:\/\/www.garciafaura.com\/wp-content\/uploads\/2018\/11\/Edifici-serveis-Sagrada-Fami\u0301lia-19.jpg\" title=\"B\u00e2timent de services de la Sagrada Familia\" class=\"portfolio-entry-media-link wpex-lightbox-gallery\" data-gallery=\"[{&quot;src&quot;:&quot;https:\\\/\\\/www.garciafaura.com\\\/wp-content\\\/uploads\\\/2018\\\/11\\\/Edifici-serveis-Sagrada-Fami\\u0301lia-01.jpg&quot;,&quot;title&quot;:&quot;Fabrication et installation de fermetures, mur-rideau et rev\\u00eatements de fa\\u00e7ade&quot;},{&quot;src&quot;:&quot;https:\\\/\\\/www.garciafaura.com\\\/wp-content\\\/uploads\\\/2018\\\/11\\\/Edifici-serveis-Sagrada-Fami\\u0301lia-19.jpg&quot;,&quot;title&quot;:&quot;Fabrication et installation de fermetures, mur-rideau et rev\\u00eatements de fa\\u00e7ade&quot;},{&quot;src&quot;:&quot;https:\\\/\\\/www.garciafaura.com\\\/wp-content\\\/uploads\\\/2018\\\/11\\\/Edifici-serveis-Sagrada-Fami\\u0301lia-17.jpg&quot;,&quot;title&quot;:&quot;Fabrication et installation de fermetures, mur-rideau et rev\\u00eatements de fa\\u00e7ade&quot;},{&quot;src&quot;:&quot;https:\\\/\\\/www.garciafaura.com\\\/wp-content\\\/uploads\\\/2018\\\/11\\\/Edifici-serveis-Sagrada-Fami\\u0301lia-18.jpg&quot;,&quot;title&quot;:&quot;Fabrication et installation de fermetures, mur-rideau et rev\\u00eatements de fa\\u00e7ade&quot;},{&quot;src&quot;:&quot;https:\\\/\\\/www.garciafaura.com\\\/wp-content\\\/uploads\\\/2018\\\/11\\\/Edifici-serveis-Sagrada-Fami\\u0301lia-16.jpg&quot;,&quot;title&quot;:&quot;Fabrication et installation de fermetures, mur-rideau et rev\\u00eatements de fa\\u00e7ade&quot;},{&quot;src&quot;:&quot;https:\\\/\\\/www.garciafaura.com\\\/wp-content\\\/uploads\\\/2018\\\/11\\\/Edifici-serveis-Sagrada-Fami\\u0301lia-15.jpg&quot;,&quot;title&quot;:&quot;Fabrication et installation de fermetures, mur-rideau et rev\\u00eatements de fa\\u00e7ade&quot;},{&quot;src&quot;:&quot;https:\\\/\\\/www.garciafaura.com\\\/wp-content\\\/uploads\\\/2018\\\/11\\\/Edifici-serveis-Sagrada-Fami\\u0301lia-14.jpg&quot;,&quot;title&quot;:&quot;Fabrication et installation de fermetures, mur-rideau et rev\\u00eatements de fa\\u00e7ade&quot;},{&quot;src&quot;:&quot;https:\\\/\\\/www.garciafaura.com\\\/wp-content\\\/uploads\\\/2018\\\/11\\\/Edifici-serveis-Sagrada-Fami\\u0301lia-13.jpg&quot;,&quot;title&quot;:&quot;Fabrication et installation de fermetures, mur-rideau et rev\\u00eatements de fa\\u00e7ade&quot;},{&quot;src&quot;:&quot;https:\\\/\\\/www.garciafaura.com\\\/wp-content\\\/uploads\\\/2018\\\/11\\\/Edifici-serveis-Sagrada-Fami\\u0301lia-12.jpg&quot;,&quot;title&quot;:&quot;Fabrication et installation de fermetures, mur-rideau et rev\\u00eatements de fa\\u00e7ade&quot;},{&quot;src&quot;:&quot;https:\\\/\\\/www.garciafaura.com\\\/wp-content\\\/uploads\\\/2018\\\/11\\\/Edifici-serveis-Sagrada-Fami\\u0301lia-11.jpg&quot;,&quot;title&quot;:&quot;Fabrication et installation de fermetures, mur-rideau et rev\\u00eatements de fa\\u00e7ade&quot;},{&quot;src&quot;:&quot;https:\\\/\\\/www.garciafaura.com\\\/wp-content\\\/uploads\\\/2018\\\/11\\\/Edifici-serveis-Sagrada-Fami\\u0301lia-10.jpg&quot;,&quot;title&quot;:&quot;Fabrication et installation de fermetures, mur-rideau et rev\\u00eatements de fa\\u00e7ade&quot;},{&quot;src&quot;:&quot;https:\\\/\\\/www.garciafaura.com\\\/wp-content\\\/uploads\\\/2018\\\/11\\\/Edifici-serveis-Sagrada-Fami\\u0301lia-09.jpg&quot;,&quot;title&quot;:&quot;Fabricaci\\u00f3 i instal\\u00b7laci\\u00f3 de tancaments, mur cortina i revestiment de fa\\u00e7ana&quot;},{&quot;src&quot;:&quot;https:\\\/\\\/www.garciafaura.com\\\/wp-content\\\/uploads\\\/2018\\\/11\\\/Edifici-serveis-Sagrada-Fami\\u0301lia-08.jpg&quot;,&quot;title&quot;:&quot;Fabrication et installation de fermetures, mur-rideau et rev\\u00eatements de fa\\u00e7ade&quot;},{&quot;src&quot;:&quot;https:\\\/\\\/www.garciafaura.com\\\/wp-content\\\/uploads\\\/2018\\\/11\\\/Edifici-serveis-Sagrada-Fami\\u0301lia-07.jpg&quot;,&quot;title&quot;:&quot;Fabrication et installation de fermetures, mur-rideau et rev\\u00eatements de fa\\u00e7ade&quot;},{&quot;src&quot;:&quot;https:\\\/\\\/www.garciafaura.com\\\/wp-content\\\/uploads\\\/2018\\\/11\\\/Edifici-serveis-Sagrada-Fami\\u0301lia-06.jpg&quot;,&quot;title&quot;:&quot;Fabrication et installation de fermetures, mur-rideau et rev\\u00eatements de fa\\u00e7ade&quot;},{&quot;src&quot;:&quot;https:\\\/\\\/www.garciafaura.com\\\/wp-content\\\/uploads\\\/2018\\\/11\\\/Edifici-serveis-Sagrada-Fami\\u0301lia-05.jpg&quot;,&quot;title&quot;:&quot;Fabrication et installation de fermetures, mur-rideau et rev\\u00eatements de fa\\u00e7ade&quot;},{&quot;src&quot;:&quot;https:\\\/\\\/www.garciafaura.com\\\/wp-content\\\/uploads\\\/2018\\\/11\\\/Edifici-serveis-Sagrada-Fami\\u0301lia-04.jpg&quot;,&quot;title&quot;:&quot;Fabrication et installation de fermetures, mur-rideau et rev\\u00eatements de fa\\u00e7ade&quot;},{&quot;src&quot;:&quot;https:\\\/\\\/www.garciafaura.com\\\/wp-content\\\/uploads\\\/2018\\\/11\\\/Edifici-serveis-Sagrada-Fami\\u0301lia-03.jpg&quot;,&quot;title&quot;:&quot;Fabrication et installation de fermetures, mur-rideau et rev\\u00eatements de fa\\u00e7ade&quot;},{&quot;src&quot;:&quot;https:\\\/\\\/www.garciafaura.com\\\/wp-content\\\/uploads\\\/2018\\\/11\\\/Edifici-serveis-Sagrada-Fami\\u0301lia-02.jpg&quot;,&quot;title&quot;:&quot;Fabrication et installation de fermetures, mur-rideau et rev\\u00eatements de fa\\u00e7ade&quot;}]\"><img loading=\"lazy\" decoding=\"async\" data-no-lazy=\"1\" class=\"portfolio-entry-img skip-lazy\" src=\"https:\/\/www.garciafaura.com\/wp-content\/uploads\/2018\/11\/Edifici-serveis-Sagrada-Fami\u0301lia-19-600x314.jpg\" alt=\"Fabrication Et Installation De Fermetures, Mur-rideau Et Rev\u00eatements De Fa\u00e7ade\" data-no-retina width=\"600\" height=\"314\" \/><\/a><\/div><div class=\"portfolio-entry-details entry-details wpex-clr\"><h2 class=\"portfolio-entry-title entry-title\"><a href=\"https:\/\/www.garciafaura.com\/fr\/portfolio-item\/batiment-de-services-de-la-sagrada-familia\/\" title=\"B\u00e2timent de services de la Sagrada Familia\">B\u00e2timent de services de la Sagrada Familia<\/a><\/h2><div class=\"portfolio-entry-categories entry-categories wpex-clr\"><a href=\"https:\/\/www.garciafaura.com\/fr\/portfolio-category\/batiments-de-services\/\" class=\"term-75\">B\u00e2timents de Services<\/a><\/div><\/div><\/div><\/div><div class=\"portfolio-entry vcex-grid-item entry-has-details span_1_of_3 col col-3 vcex-isotope-entry vcex-no-margin-entry post-20498 entry type-portfolio has-media cat-75 translation_priority-5\"><div class=\"portfolio-entry-inner entry-inner wpex-clr\"><div class=\"portfolio-entry-media entry-media wpex-clr\"><a href=\"https:\/\/www.garciafaura.com\/wp-content\/uploads\/2018\/11\/Escola-Internacional-del-Camp-18.jpg\" title=\"\u00c9cole Internationale del Camp\" class=\"portfolio-entry-media-link wpex-lightbox-gallery\" data-gallery=\"[{&quot;src&quot;:&quot;https:\\\/\\\/www.garciafaura.com\\\/wp-content\\\/uploads\\\/2018\\\/11\\\/Escola-Internacional-del-Camp-01.jpg&quot;,&quot;title&quot;:&quot;Travaux en verre et fermetures pour ce nouveau centre de formation de Salou&quot;},{&quot;src&quot;:&quot;https:\\\/\\\/www.garciafaura.com\\\/wp-content\\\/uploads\\\/2018\\\/11\\\/Escola-Internacional-del-Camp-18.jpg&quot;,&quot;title&quot;:&quot;Travaux en verre et fermetures pour ce nouveau centre de formation de Salou&quot;},{&quot;src&quot;:&quot;https:\\\/\\\/www.garciafaura.com\\\/wp-content\\\/uploads\\\/2018\\\/11\\\/Escola-Internacional-del-Camp-17.jpg&quot;,&quot;title&quot;:&quot;Travaux en verre et fermetures pour ce nouveau centre de formation de Salou&quot;},{&quot;src&quot;:&quot;https:\\\/\\\/www.garciafaura.com\\\/wp-content\\\/uploads\\\/2018\\\/11\\\/Escola-Internacional-del-Camp-16.jpg&quot;,&quot;title&quot;:&quot;Travaux en verre et fermetures pour ce nouveau centre de formation de Salou&quot;},{&quot;src&quot;:&quot;https:\\\/\\\/www.garciafaura.com\\\/wp-content\\\/uploads\\\/2018\\\/11\\\/Escola-Internacional-del-Camp-15.jpg&quot;,&quot;title&quot;:&quot;Travaux en verre et fermetures pour ce nouveau centre de formation de Salou&quot;},{&quot;src&quot;:&quot;https:\\\/\\\/www.garciafaura.com\\\/wp-content\\\/uploads\\\/2018\\\/11\\\/Escola-Internacional-del-Camp-14.jpg&quot;,&quot;title&quot;:&quot;Travaux en verre et fermetures pour ce nouveau centre de formation de Salou&quot;},{&quot;src&quot;:&quot;https:\\\/\\\/www.garciafaura.com\\\/wp-content\\\/uploads\\\/2018\\\/11\\\/Escola-Internacional-del-Camp-13.jpg&quot;,&quot;title&quot;:&quot;Travaux en verre et fermetures pour ce nouveau centre de formation de Salou&quot;},{&quot;src&quot;:&quot;https:\\\/\\\/www.garciafaura.com\\\/wp-content\\\/uploads\\\/2018\\\/11\\\/Escola-Internacional-del-Camp-12.jpg&quot;,&quot;title&quot;:&quot;Travaux en verre et fermetures pour ce nouveau centre de formation de Salou&quot;},{&quot;src&quot;:&quot;https:\\\/\\\/www.garciafaura.com\\\/wp-content\\\/uploads\\\/2018\\\/11\\\/Escola-Internacional-del-Camp-11.jpg&quot;,&quot;title&quot;:&quot;Travaux en verre et fermetures pour ce nouveau centre de formation de Salou&quot;},{&quot;src&quot;:&quot;https:\\\/\\\/www.garciafaura.com\\\/wp-content\\\/uploads\\\/2018\\\/11\\\/Escola-Internacional-del-Camp-10.jpg&quot;,&quot;title&quot;:&quot;Travaux en verre et fermetures pour ce nouveau centre de formation de Salou&quot;},{&quot;src&quot;:&quot;https:\\\/\\\/www.garciafaura.com\\\/wp-content\\\/uploads\\\/2018\\\/11\\\/Escola-Internacional-del-Camp-09.jpg&quot;,&quot;title&quot;:&quot;Travaux en verre et fermetures pour ce nouveau centre de formation de Salou&quot;},{&quot;src&quot;:&quot;https:\\\/\\\/www.garciafaura.com\\\/wp-content\\\/uploads\\\/2018\\\/11\\\/Escola-Internacional-del-Camp-08.jpg&quot;,&quot;title&quot;:&quot;Travaux en verre et fermetures pour ce nouveau centre de formation de Salou&quot;},{&quot;src&quot;:&quot;https:\\\/\\\/www.garciafaura.com\\\/wp-content\\\/uploads\\\/2018\\\/11\\\/Escola-Internacional-del-Camp-07.jpg&quot;,&quot;title&quot;:&quot;Travaux en verre et fermetures pour ce nouveau centre de formation de Salou&quot;},{&quot;src&quot;:&quot;https:\\\/\\\/www.garciafaura.com\\\/wp-content\\\/uploads\\\/2018\\\/11\\\/Escola-Internacional-del-Camp-06.jpg&quot;,&quot;title&quot;:&quot;Travaux en verre et fermetures pour ce nouveau centre de formation de Salou&quot;},{&quot;src&quot;:&quot;https:\\\/\\\/www.garciafaura.com\\\/wp-content\\\/uploads\\\/2018\\\/11\\\/Escola-Internacional-del-Camp-05.jpg&quot;,&quot;title&quot;:&quot;Travaux en verre et fermetures pour ce nouveau centre de formation de Salou&quot;},{&quot;src&quot;:&quot;https:\\\/\\\/www.garciafaura.com\\\/wp-content\\\/uploads\\\/2018\\\/11\\\/Escola-Internacional-del-Camp-04.jpg&quot;,&quot;title&quot;:&quot;Travaux en verre et fermetures pour ce nouveau centre de formation de Salou&quot;},{&quot;src&quot;:&quot;https:\\\/\\\/www.garciafaura.com\\\/wp-content\\\/uploads\\\/2018\\\/11\\\/Escola-Internacional-del-Camp-03.jpg&quot;,&quot;title&quot;:&quot;Travaux en verre et fermetures pour ce nouveau centre de formation de Salou&quot;},{&quot;src&quot;:&quot;https:\\\/\\\/www.garciafaura.com\\\/wp-content\\\/uploads\\\/2018\\\/11\\\/Escola-Internacional-del-Camp-02.jpg&quot;,&quot;title&quot;:&quot;Travaux en verre et fermetures pour ce nouveau centre de formation de Salou&quot;}]\"><img loading=\"lazy\" decoding=\"async\" data-no-lazy=\"1\" class=\"portfolio-entry-img skip-lazy\" src=\"https:\/\/www.garciafaura.com\/wp-content\/uploads\/2018\/11\/Escola-Internacional-del-Camp-18-600x314.jpg\" alt=\"Travaux En Verre Et Fermetures Pour Ce Nouveau Centre De Formation De Salou\" data-no-retina width=\"600\" height=\"314\" \/><\/a><\/div><div class=\"portfolio-entry-details entry-details wpex-clr\"><h2 class=\"portfolio-entry-title entry-title\"><a href=\"https:\/\/www.garciafaura.com\/fr\/portfolio-item\/ecole-internationale-del-camp\/\" title=\"\u00c9cole Internationale del Camp\">\u00c9cole Internationale del Camp<\/a><\/h2><div class=\"portfolio-entry-categories entry-categories wpex-clr\"><a href=\"https:\/\/www.garciafaura.com\/fr\/portfolio-category\/batiments-de-services\/\" class=\"term-75\">B\u00e2timents de Services<\/a><\/div><\/div><\/div><\/div><div class=\"portfolio-entry vcex-grid-item entry-has-details span_1_of_3 col col-1 vcex-isotope-entry vcex-no-margin-entry post-20497 entry type-portfolio has-media cat-75 translation_priority-5\"><div class=\"portfolio-entry-inner entry-inner wpex-clr\"><div class=\"portfolio-entry-media entry-media wpex-clr\"><a href=\"https:\/\/www.garciafaura.com\/wp-content\/uploads\/2018\/11\/Cli\u0301nica-Universita\u0300ria-FUB-Manresa-01.jpg\" title=\"Clinique Universitaire FUB Manresa\" class=\"portfolio-entry-media-link wpex-lightbox-gallery\" data-gallery=\"[{&quot;src&quot;:&quot;https:\\\/\\\/www.garciafaura.com\\\/wp-content\\\/uploads\\\/2018\\\/11\\\/Cli\\u0301nica-Universita\\u0300ria-FUB-Manresa-01.jpg&quot;,&quot;title&quot;:&quot;Fabrication et installation des fermetures pour le nouvel immeuble p\\u00e9dagogique de la Fondation&quot;},{&quot;src&quot;:&quot;https:\\\/\\\/www.garciafaura.com\\\/wp-content\\\/uploads\\\/2018\\\/11\\\/Cli\\u0301nica-Universita\\u0300ria-FUB-Manresa-15.jpg&quot;,&quot;title&quot;:&quot;Fabrication et installation des fermetures pour le nouvel immeuble p\\u00e9dagogique de la Fondation&quot;},{&quot;src&quot;:&quot;https:\\\/\\\/www.garciafaura.com\\\/wp-content\\\/uploads\\\/2018\\\/11\\\/Cli\\u0301nica-Universita\\u0300ria-FUB-Manresa-14.jpg&quot;,&quot;title&quot;:&quot;Fabrication et installation des fermetures pour le nouvel immeuble p\\u00e9dagogique de la Fondation&quot;},{&quot;src&quot;:&quot;https:\\\/\\\/www.garciafaura.com\\\/wp-content\\\/uploads\\\/2018\\\/11\\\/Cli\\u0301nica-Universita\\u0300ria-FUB-Manresa-13.jpg&quot;,&quot;title&quot;:&quot;Fabrication et installation des fermetures pour le nouvel immeuble p\\u00e9dagogique de la Fondation&quot;},{&quot;src&quot;:&quot;https:\\\/\\\/www.garciafaura.com\\\/wp-content\\\/uploads\\\/2018\\\/11\\\/Cli\\u0301nica-Universita\\u0300ria-FUB-Manresa-12.jpg&quot;,&quot;title&quot;:&quot;Fabrication et installation des fermetures pour le nouvel immeuble p\\u00e9dagogique de la Fondation&quot;},{&quot;src&quot;:&quot;https:\\\/\\\/www.garciafaura.com\\\/wp-content\\\/uploads\\\/2018\\\/11\\\/Cli\\u0301nica-Universita\\u0300ria-FUB-Manresa-11.jpg&quot;,&quot;title&quot;:&quot;Fabrication et installation des fermetures pour le nouvel immeuble p\\u00e9dagogique de la Fondation&quot;},{&quot;src&quot;:&quot;https:\\\/\\\/www.garciafaura.com\\\/wp-content\\\/uploads\\\/2018\\\/11\\\/Cli\\u0301nica-Universita\\u0300ria-FUB-Manresa-10.jpg&quot;,&quot;title&quot;:&quot;Fabrication et installation des fermetures pour le nouvel immeuble p\\u00e9dagogique de la Fondation&quot;},{&quot;src&quot;:&quot;https:\\\/\\\/www.garciafaura.com\\\/wp-content\\\/uploads\\\/2018\\\/11\\\/Cli\\u0301nica-Universita\\u0300ria-FUB-Manresa-08.jpg&quot;,&quot;title&quot;:&quot;Fabrication et installation des fermetures pour le nouvel immeuble p\\u00e9dagogique de la Fondation&quot;},{&quot;src&quot;:&quot;https:\\\/\\\/www.garciafaura.com\\\/wp-content\\\/uploads\\\/2018\\\/11\\\/Cli\\u0301nica-Universita\\u0300ria-FUB-Manresa-09.jpg&quot;,&quot;title&quot;:&quot;Fabrication et installation des fermetures pour le nouvel immeuble p\\u00e9dagogique de la Fondation&quot;},{&quot;src&quot;:&quot;https:\\\/\\\/www.garciafaura.com\\\/wp-content\\\/uploads\\\/2018\\\/11\\\/Cli\\u0301nica-Universita\\u0300ria-FUB-Manresa-07.jpg&quot;,&quot;title&quot;:&quot;Fabrication et installation des fermetures pour le nouvel immeuble p\\u00e9dagogique de la Fondation&quot;},{&quot;src&quot;:&quot;https:\\\/\\\/www.garciafaura.com\\\/wp-content\\\/uploads\\\/2018\\\/11\\\/Cli\\u0301nica-Universita\\u0300ria-FUB-Manresa-06.jpg&quot;,&quot;title&quot;:&quot;Fabrication et installation des fermetures pour le nouvel immeuble p\\u00e9dagogique de la Fondation&quot;},{&quot;src&quot;:&quot;https:\\\/\\\/www.garciafaura.com\\\/wp-content\\\/uploads\\\/2018\\\/11\\\/Cli\\u0301nica-Universita\\u0300ria-FUB-Manresa-05.jpg&quot;,&quot;title&quot;:&quot;Fabrication et installation des fermetures pour le nouvel immeuble p\\u00e9dagogique de la Fondation&quot;},{&quot;src&quot;:&quot;https:\\\/\\\/www.garciafaura.com\\\/wp-content\\\/uploads\\\/2018\\\/11\\\/Cli\\u0301nica-Universita\\u0300ria-FUB-Manresa-04.jpg&quot;,&quot;title&quot;:&quot;Fabrication et installation des fermetures pour le nouvel immeuble p\\u00e9dagogique de la Fondation&quot;},{&quot;src&quot;:&quot;https:\\\/\\\/www.garciafaura.com\\\/wp-content\\\/uploads\\\/2018\\\/11\\\/Cli\\u0301nica-Universita\\u0300ria-FUB-Manresa-03.jpg&quot;,&quot;title&quot;:&quot;Fabrication et installation des fermetures pour le nouvel immeuble p\\u00e9dagogique de la Fondation&quot;},{&quot;src&quot;:&quot;https:\\\/\\\/www.garciafaura.com\\\/wp-content\\\/uploads\\\/2018\\\/11\\\/Cli\\u0301nica-Universita\\u0300ria-FUB-Manresa-02.jpg&quot;,&quot;title&quot;:&quot;Fabrication et installation des fermetures pour le nouvel immeuble p\\u00e9dagogique de la Fondation&quot;}]\"><img loading=\"lazy\" decoding=\"async\" data-no-lazy=\"1\" class=\"portfolio-entry-img skip-lazy\" src=\"https:\/\/www.garciafaura.com\/wp-content\/uploads\/2018\/11\/Cli\u0301nica-Universita\u0300ria-FUB-Manresa-01-600x314.jpg\" alt=\"Fabrication Et Installation Des Fermetures Pour Le Nouvel Immeuble P\u00e9dagogique De La Fondation\" data-no-retina width=\"600\" height=\"314\" \/><\/a><\/div><div class=\"portfolio-entry-details entry-details wpex-clr\"><h2 class=\"portfolio-entry-title entry-title\"><a href=\"https:\/\/www.garciafaura.com\/fr\/portfolio-item\/clinique-universitaire-fub-manresa\/\" title=\"Clinique Universitaire FUB Manresa\">Clinique Universitaire FUB Manresa<\/a><\/h2><div class=\"portfolio-entry-categories entry-categories wpex-clr\"><a href=\"https:\/\/www.garciafaura.com\/fr\/portfolio-category\/batiments-de-services\/\" class=\"term-75\">B\u00e2timents de Services<\/a><\/div><\/div><\/div><\/div><div class=\"portfolio-entry vcex-grid-item entry-has-details span_1_of_3 col col-2 vcex-isotope-entry vcex-no-margin-entry post-20496 entry type-portfolio has-media cat-75 cat-93 cat-95 translation_priority-5\"><div class=\"portfolio-entry-inner entry-inner wpex-clr\"><div class=\"portfolio-entry-media entry-media wpex-clr\"><a href=\"https:\/\/www.garciafaura.com\/wp-content\/uploads\/2018\/11\/Edifici-ICFO-Campus-UPC-01.jpg\" title=\"Immeuble ICFO Campus UPC Castelldefels\" class=\"portfolio-entry-media-link wpex-lightbox-gallery\" data-gallery=\"[{&quot;src&quot;:&quot;https:\\\/\\\/www.garciafaura.com\\\/wp-content\\\/uploads\\\/2018\\\/11\\\/Edifici-ICFO-Campus-UPC-01.jpg&quot;,&quot;title&quot;:&quot;Fermetures et passerelles pour l&#039;Institut des Sciences Photoniques dans le Campus Castelldefels&quot;},{&quot;src&quot;:&quot;https:\\\/\\\/www.garciafaura.com\\\/wp-content\\\/uploads\\\/2018\\\/11\\\/Edifici-ICFO-Campus-UPC-33.jpg&quot;,&quot;title&quot;:&quot;Fermetures et passerelles pour l&#039;Institut des Sciences Photoniques dans le Campus Castelldefels&quot;},{&quot;src&quot;:&quot;https:\\\/\\\/www.garciafaura.com\\\/wp-content\\\/uploads\\\/2018\\\/11\\\/Edifici-ICFO-Campus-UPC-32.jpg&quot;,&quot;title&quot;:&quot;Fermetures et passerelles pour l&#039;Institut des Sciences Photoniques dans le Campus Castelldefels&quot;},{&quot;src&quot;:&quot;https:\\\/\\\/www.garciafaura.com\\\/wp-content\\\/uploads\\\/2018\\\/11\\\/Edifici-ICFO-Campus-UPC-31.jpg&quot;,&quot;title&quot;:&quot;Fermetures et passerelles pour l&#039;Institut des Sciences Photoniques dans le Campus Castelldefels&quot;},{&quot;src&quot;:&quot;https:\\\/\\\/www.garciafaura.com\\\/wp-content\\\/uploads\\\/2018\\\/11\\\/Edifici-ICFO-Campus-UPC-30.jpg&quot;,&quot;title&quot;:&quot;Fermetures et passerelles pour l&#039;Institut des Sciences Photoniques dans le Campus Castelldefels&quot;},{&quot;src&quot;:&quot;https:\\\/\\\/www.garciafaura.com\\\/wp-content\\\/uploads\\\/2018\\\/11\\\/Edifici-ICFO-Campus-UPC-29.jpg&quot;,&quot;title&quot;:&quot;Fermetures et passerelles pour l&#039;Institut des Sciences Photoniques dans le Campus Castelldefels&quot;},{&quot;src&quot;:&quot;https:\\\/\\\/www.garciafaura.com\\\/wp-content\\\/uploads\\\/2018\\\/11\\\/Edifici-ICFO-Campus-UPC-28.jpg&quot;,&quot;title&quot;:&quot;Fermetures et passerelles pour l&#039;Institut des Sciences Photoniques dans le Campus Castelldefels&quot;},{&quot;src&quot;:&quot;https:\\\/\\\/www.garciafaura.com\\\/wp-content\\\/uploads\\\/2018\\\/11\\\/Edifici-ICFO-Campus-UPC-27.jpg&quot;,&quot;title&quot;:&quot;Fermetures et passerelles pour l&#039;Institut des Sciences Photoniques dans le Campus Castelldefels&quot;},{&quot;src&quot;:&quot;https:\\\/\\\/www.garciafaura.com\\\/wp-content\\\/uploads\\\/2018\\\/11\\\/Edifici-ICFO-Campus-UPC-26.jpg&quot;,&quot;title&quot;:&quot;Fermetures et passerelles pour l&#039;Institut des Sciences Photoniques dans le Campus Castelldefels&quot;},{&quot;src&quot;:&quot;https:\\\/\\\/www.garciafaura.com\\\/wp-content\\\/uploads\\\/2018\\\/11\\\/Edifici-ICFO-Campus-UPC-25.jpg&quot;,&quot;title&quot;:&quot;Fermetures et passerelles pour l&#039;Institut des Sciences Photoniques dans le Campus Castelldefels&quot;},{&quot;src&quot;:&quot;https:\\\/\\\/www.garciafaura.com\\\/wp-content\\\/uploads\\\/2018\\\/11\\\/Edifici-ICFO-Campus-UPC-24.jpg&quot;,&quot;title&quot;:&quot;Fermetures et passerelles pour l&#039;Institut des Sciences Photoniques dans le Campus Castelldefels&quot;},{&quot;src&quot;:&quot;https:\\\/\\\/www.garciafaura.com\\\/wp-content\\\/uploads\\\/2018\\\/11\\\/Edifici-ICFO-Campus-UPC-23.jpg&quot;,&quot;title&quot;:&quot;Fermetures et passerelles pour l&#039;Institut des Sciences Photoniques dans le Campus Castelldefels&quot;},{&quot;src&quot;:&quot;https:\\\/\\\/www.garciafaura.com\\\/wp-content\\\/uploads\\\/2018\\\/11\\\/Edifici-ICFO-Campus-UPC-22.jpg&quot;,&quot;title&quot;:&quot;Fermetures et passerelles pour l&#039;Institut des Sciences Photoniques dans le Campus Castelldefels&quot;},{&quot;src&quot;:&quot;https:\\\/\\\/www.garciafaura.com\\\/wp-content\\\/uploads\\\/2018\\\/11\\\/Edifici-ICFO-Campus-UPC-21.jpg&quot;,&quot;title&quot;:&quot;Fermetures et passerelles pour l&#039;Institut des Sciences Photoniques dans le Campus Castelldefels&quot;},{&quot;src&quot;:&quot;https:\\\/\\\/www.garciafaura.com\\\/wp-content\\\/uploads\\\/2018\\\/11\\\/Edifici-ICFO-Campus-UPC-20.jpg&quot;,&quot;title&quot;:&quot;Fermetures et passerelles pour l&#039;Institut des Sciences Photoniques dans le Campus Castelldefels&quot;},{&quot;src&quot;:&quot;https:\\\/\\\/www.garciafaura.com\\\/wp-content\\\/uploads\\\/2018\\\/11\\\/Edifici-ICFO-Campus-UPC-19.jpg&quot;,&quot;title&quot;:&quot;Fermetures et passerelles pour l&#039;Institut des Sciences Photoniques dans le Campus Castelldefels&quot;},{&quot;src&quot;:&quot;https:\\\/\\\/www.garciafaura.com\\\/wp-content\\\/uploads\\\/2018\\\/11\\\/Edifici-ICFO-Campus-UPC-18.jpg&quot;,&quot;title&quot;:&quot;Fermetures et passerelles pour l&#039;Institut des Sciences Photoniques dans le Campus Castelldefels&quot;},{&quot;src&quot;:&quot;https:\\\/\\\/www.garciafaura.com\\\/wp-content\\\/uploads\\\/2018\\\/11\\\/Edifici-ICFO-Campus-UPC-17.jpg&quot;,&quot;title&quot;:&quot;Fermetures et passerelles pour l&#039;Institut des Sciences Photoniques dans le Campus Castelldefels&quot;},{&quot;src&quot;:&quot;https:\\\/\\\/www.garciafaura.com\\\/wp-content\\\/uploads\\\/2018\\\/11\\\/Edifici-ICFO-Campus-UPC-16.jpg&quot;,&quot;title&quot;:&quot;Fermetures et passerelles pour l&#039;Institut des Sciences Photoniques dans le Campus Castelldefels&quot;},{&quot;src&quot;:&quot;https:\\\/\\\/www.garciafaura.com\\\/wp-content\\\/uploads\\\/2018\\\/11\\\/Edifici-ICFO-Campus-UPC-15.jpg&quot;,&quot;title&quot;:&quot;Fermetures et passerelles pour l&#039;Institut des Sciences Photoniques dans le Campus Castelldefels&quot;},{&quot;src&quot;:&quot;https:\\\/\\\/www.garciafaura.com\\\/wp-content\\\/uploads\\\/2018\\\/11\\\/Edifici-ICFO-Campus-UPC-14.jpg&quot;,&quot;title&quot;:&quot;Fermetures et passerelles pour l&#039;Institut des Sciences Photoniques dans le Campus Castelldefels&quot;},{&quot;src&quot;:&quot;https:\\\/\\\/www.garciafaura.com\\\/wp-content\\\/uploads\\\/2018\\\/11\\\/Edifici-ICFO-Campus-UPC-13.jpg&quot;,&quot;title&quot;:&quot;Fermetures et passerelles pour l&#039;Institut des Sciences Photoniques dans le Campus Castelldefels&quot;},{&quot;src&quot;:&quot;https:\\\/\\\/www.garciafaura.com\\\/wp-content\\\/uploads\\\/2018\\\/11\\\/Edifici-ICFO-Campus-UPC-12.jpg&quot;,&quot;title&quot;:&quot;Fermetures et passerelles pour l&#039;Institut des Sciences Photoniques dans le Campus Castelldefels&quot;},{&quot;src&quot;:&quot;https:\\\/\\\/www.garciafaura.com\\\/wp-content\\\/uploads\\\/2018\\\/11\\\/Edifici-ICFO-Campus-UPC-11.jpg&quot;,&quot;title&quot;:&quot;Fermetures et passerelles pour l&#039;Institut des Sciences Photoniques dans le Campus Castelldefels&quot;},{&quot;src&quot;:&quot;https:\\\/\\\/www.garciafaura.com\\\/wp-content\\\/uploads\\\/2018\\\/11\\\/Edifici-ICFO-Campus-UPC-10.jpg&quot;,&quot;title&quot;:&quot;Fermetures et passerelles pour l&#039;Institut des Sciences Photoniques dans le Campus Castelldefels&quot;},{&quot;src&quot;:&quot;https:\\\/\\\/www.garciafaura.com\\\/wp-content\\\/uploads\\\/2018\\\/11\\\/Edifici-ICFO-Campus-UPC-09.jpg&quot;,&quot;title&quot;:&quot;Fermetures et passerelles pour l&#039;Institut des Sciences Photoniques dans le Campus Castelldefels&quot;},{&quot;src&quot;:&quot;https:\\\/\\\/www.garciafaura.com\\\/wp-content\\\/uploads\\\/2018\\\/11\\\/Edifici-ICFO-Campus-UPC-08.jpg&quot;,&quot;title&quot;:&quot;Fermetures et passerelles pour l&#039;Institut des Sciences Photoniques dans le Campus Castelldefels&quot;},{&quot;src&quot;:&quot;https:\\\/\\\/www.garciafaura.com\\\/wp-content\\\/uploads\\\/2018\\\/11\\\/Edifici-ICFO-Campus-UPC-07.jpg&quot;,&quot;title&quot;:&quot;Fermetures et passerelles pour l&#039;Institut des Sciences Photoniques dans le Campus Castelldefels&quot;},{&quot;src&quot;:&quot;https:\\\/\\\/www.garciafaura.com\\\/wp-content\\\/uploads\\\/2018\\\/11\\\/Edifici-ICFO-Campus-UPC-06.jpg&quot;,&quot;title&quot;:&quot;Fermetures et passerelles pour l&#039;Institut des Sciences Photoniques dans le Campus Castelldefels&quot;},{&quot;src&quot;:&quot;https:\\\/\\\/www.garciafaura.com\\\/wp-content\\\/uploads\\\/2018\\\/11\\\/Edifici-ICFO-Campus-UPC-05.jpg&quot;,&quot;title&quot;:&quot;Fermetures et passerelles pour l&#039;Institut des Sciences Photoniques dans le Campus Castelldefels&quot;},{&quot;src&quot;:&quot;https:\\\/\\\/www.garciafaura.com\\\/wp-content\\\/uploads\\\/2018\\\/11\\\/Edifici-ICFO-Campus-UPC-04.jpg&quot;,&quot;title&quot;:&quot;Fermetures et passerelles pour l&#039;Institut des Sciences Photoniques dans le Campus Castelldefels&quot;},{&quot;src&quot;:&quot;https:\\\/\\\/www.garciafaura.com\\\/wp-content\\\/uploads\\\/2018\\\/11\\\/Edifici-ICFO-Campus-UPC-03.jpg&quot;,&quot;title&quot;:&quot;Fermetures et passerelles pour l&#039;Institut des Sciences Photoniques dans le Campus Castelldefels&quot;},{&quot;src&quot;:&quot;https:\\\/\\\/www.garciafaura.com\\\/wp-content\\\/uploads\\\/2018\\\/11\\\/Edifici-ICFO-Campus-UPC-02.jpg&quot;,&quot;title&quot;:&quot;Fermetures et passerelles pour l&#039;Institut des Sciences Photoniques dans le Campus Castelldefels&quot;}]\"><img loading=\"lazy\" decoding=\"async\" data-no-lazy=\"1\" class=\"portfolio-entry-img skip-lazy\" src=\"https:\/\/www.garciafaura.com\/wp-content\/uploads\/2018\/11\/Edifici-ICFO-Campus-UPC-01-600x314.jpg\" alt=\"Fermetures Et Passerelles Pour L'Institut Des Sciences Photoniques Dans Le Campus Castelldefels\" data-no-retina width=\"600\" height=\"314\" \/><\/a><\/div><div class=\"portfolio-entry-details entry-details wpex-clr\"><h2 class=\"portfolio-entry-title entry-title\"><a href=\"https:\/\/www.garciafaura.com\/fr\/portfolio-item\/immeuble-icfo-campus-upc-castelldefels\/\" title=\"Immeuble ICFO Campus UPC Castelldefels\">Immeuble ICFO Campus UPC Castelldefels<\/a><\/h2><div class=\"portfolio-entry-categories entry-categories wpex-clr\"><a href=\"https:\/\/www.garciafaura.com\/fr\/portfolio-category\/batiments-de-services\/\" class=\"term-75\">B\u00e2timents de Services<\/a><\/div><\/div><\/div><\/div><div class=\"portfolio-entry vcex-grid-item entry-has-details span_1_of_3 col col-3 vcex-isotope-entry vcex-no-margin-entry post-20492 entry type-portfolio has-media cat-75 translation_priority-5\"><div class=\"portfolio-entry-inner entry-inner wpex-clr\"><div class=\"portfolio-entry-media entry-media wpex-clr\"><a href=\"https:\/\/www.garciafaura.com\/wp-content\/uploads\/2018\/11\/Reside\u0300ncia-Mas-Sauro\u0301-01.jpg\" title=\"R\u00e9sidence Mas Saur\u00f3\" class=\"portfolio-entry-media-link wpex-lightbox-gallery\" data-gallery=\"[{&quot;src&quot;:&quot;https:\\\/\\\/www.garciafaura.com\\\/wp-content\\\/uploads\\\/2018\\\/11\\\/Reside\\u0300ncia-Mas-Sauro\\u0301-01.jpg&quot;,&quot;title&quot;:&quot;Fermetures en aluminium et verre pour r\\u00e9sidence publique \\u00e0 Vallvidrera&quot;},{&quot;src&quot;:&quot;https:\\\/\\\/www.garciafaura.com\\\/wp-content\\\/uploads\\\/2018\\\/11\\\/Reside\\u0300ncia-Mas-Sauro\\u0301-08.jpg&quot;,&quot;title&quot;:&quot;Fermetures en aluminium et verre pour r\\u00e9sidence publique \\u00e0 Vallvidrera&quot;},{&quot;src&quot;:&quot;https:\\\/\\\/www.garciafaura.com\\\/wp-content\\\/uploads\\\/2018\\\/11\\\/Reside\\u0300ncia-Mas-Sauro\\u0301-07.jpg&quot;,&quot;title&quot;:&quot;Fermetures en aluminium et verre pour r\\u00e9sidence publique \\u00e0 Vallvidrera&quot;},{&quot;src&quot;:&quot;https:\\\/\\\/www.garciafaura.com\\\/wp-content\\\/uploads\\\/2018\\\/11\\\/Reside\\u0300ncia-Mas-Sauro\\u0301-06.jpg&quot;,&quot;title&quot;:&quot;Fermetures en aluminium et verre pour r\\u00e9sidence publique \\u00e0 Vallvidrera&quot;},{&quot;src&quot;:&quot;https:\\\/\\\/www.garciafaura.com\\\/wp-content\\\/uploads\\\/2018\\\/11\\\/Reside\\u0300ncia-Mas-Sauro\\u0301-05.jpg&quot;,&quot;title&quot;:&quot;Fermetures en aluminium et verre pour r\\u00e9sidence publique \\u00e0 Vallvidrera&quot;},{&quot;src&quot;:&quot;https:\\\/\\\/www.garciafaura.com\\\/wp-content\\\/uploads\\\/2018\\\/11\\\/Reside\\u0300ncia-Mas-Sauro\\u0301-04.jpg&quot;,&quot;title&quot;:&quot;Fermetures en aluminium et verre pour r\\u00e9sidence publique \\u00e0 Vallvidrera&quot;},{&quot;src&quot;:&quot;https:\\\/\\\/www.garciafaura.com\\\/wp-content\\\/uploads\\\/2018\\\/11\\\/Reside\\u0300ncia-Mas-Sauro\\u0301-03.jpg&quot;,&quot;title&quot;:&quot;Fermetures en aluminium et verre pour r\\u00e9sidence publique \\u00e0 Vallvidrera&quot;},{&quot;src&quot;:&quot;https:\\\/\\\/www.garciafaura.com\\\/wp-content\\\/uploads\\\/2018\\\/11\\\/Reside\\u0300ncia-Mas-Sauro\\u0301-02.jpg&quot;,&quot;title&quot;:&quot;Fermetures en aluminium et verre pour r\\u00e9sidence publique \\u00e0 Vallvidrera&quot;}]\"><img loading=\"lazy\" decoding=\"async\" data-no-lazy=\"1\" class=\"portfolio-entry-img skip-lazy\" src=\"https:\/\/www.garciafaura.com\/wp-content\/uploads\/2018\/11\/Reside\u0300ncia-Mas-Sauro\u0301-01-600x314.jpg\" alt=\"Fermetures En Aluminium Et Verre Pour R\u00e9sidence Publique \u00e0 Vallvidrera\" data-no-retina width=\"600\" height=\"314\" \/><\/a><\/div><div class=\"portfolio-entry-details entry-details wpex-clr\"><h2 class=\"portfolio-entry-title entry-title\"><a href=\"https:\/\/www.garciafaura.com\/fr\/portfolio-item\/residence-mas-sauro\/\" title=\"R\u00e9sidence Mas Saur\u00f3\">R\u00e9sidence Mas Saur\u00f3<\/a><\/h2><div class=\"portfolio-entry-categories entry-categories wpex-clr\"><a href=\"https:\/\/www.garciafaura.com\/fr\/portfolio-category\/batiments-de-services\/\" class=\"term-75\">B\u00e2timents de Services<\/a><\/div><\/div><\/div><\/div><div class=\"portfolio-entry vcex-grid-item entry-has-details span_1_of_3 col col-1 vcex-isotope-entry vcex-no-margin-entry post-20493 entry type-portfolio has-media cat-75 translation_priority-5\"><div class=\"portfolio-entry-inner entry-inner wpex-clr\"><div class=\"portfolio-entry-media entry-media wpex-clr\"><a href=\"https:\/\/www.garciafaura.com\/wp-content\/uploads\/2018\/11\/Institut-La-Mitjana-02.jpg\" title=\"Lyc\u00e9e La Mitjana\" class=\"portfolio-entry-media-link wpex-lightbox-gallery\" data-gallery=\"[{&quot;src&quot;:&quot;https:\\\/\\\/www.garciafaura.com\\\/wp-content\\\/uploads\\\/2018\\\/11\\\/Institut-La-Mitjana-02.jpg&quot;,&quot;title&quot;:&quot;Fermetures et travaux en verre pour le nouveau lyc\\u00e9e de Lleida&quot;},{&quot;src&quot;:&quot;https:\\\/\\\/www.garciafaura.com\\\/wp-content\\\/uploads\\\/2018\\\/11\\\/Institut-La-Mitjana-01.jpg&quot;,&quot;title&quot;:&quot;Fermetures et travaux en verre pour le nouveau lyc\\u00e9e de Lleida&quot;}]\"><img loading=\"lazy\" decoding=\"async\" data-no-lazy=\"1\" class=\"portfolio-entry-img skip-lazy\" src=\"https:\/\/www.garciafaura.com\/wp-content\/uploads\/2018\/11\/Institut-La-Mitjana-02.jpg\" alt=\"Fermetures Et Travaux En Verre Pour Le Nouveau Lyc\u00e9e De Lleida\" data-no-retina width=\"600\" height=\"313\" \/><\/a><\/div><div class=\"portfolio-entry-details entry-details wpex-clr\"><h2 class=\"portfolio-entry-title entry-title\"><a href=\"https:\/\/www.garciafaura.com\/fr\/portfolio-item\/lycee-la-mitjana\/\" title=\"Lyc\u00e9e La Mitjana\">Lyc\u00e9e La Mitjana<\/a><\/h2><div class=\"portfolio-entry-categories entry-categories wpex-clr\"><a href=\"https:\/\/www.garciafaura.com\/fr\/portfolio-category\/batiments-de-services\/\" class=\"term-75\">B\u00e2timents de Services<\/a><\/div><\/div><\/div><\/div><div class=\"portfolio-entry vcex-grid-item entry-has-details span_1_of_3 col col-2 vcex-isotope-entry vcex-no-margin-entry post-20491 entry type-portfolio has-media cat-75 translation_priority-5\"><div class=\"portfolio-entry-inner entry-inner wpex-clr\"><div class=\"portfolio-entry-media entry-media wpex-clr\"><a href=\"https:\/\/www.garciafaura.com\/wp-content\/uploads\/2018\/11\/Ampliacio\u0301-Institut-Qui\u0301mic-Sarria\u0300-01.jpg\" title=\"Agrandissement Institut Chimique de Sarri\u00e0\" class=\"portfolio-entry-media-link wpex-lightbox-gallery\" data-gallery=\"[{&quot;src&quot;:&quot;https:\\\/\\\/www.garciafaura.com\\\/wp-content\\\/uploads\\\/2018\\\/11\\\/Ampliacio\\u0301-Institut-Qui\\u0301mic-Sarria\\u0300-01.jpg&quot;,&quot;title&quot;:&quot;Nouveau b\\u00e2timent de l&#039;Institut Chimique de Sarri\\u00e0, \\u00e0 Barcelone&quot;},{&quot;src&quot;:&quot;https:\\\/\\\/www.garciafaura.com\\\/wp-content\\\/uploads\\\/2018\\\/11\\\/Ampliacio\\u0301-Institut-Qui\\u0301mic-Sarria\\u0300-20.jpg&quot;,&quot;title&quot;:&quot;Nouveau b\\u00e2timent de l&#039;Institut Chimique de Sarri\\u00e0, \\u00e0 Barcelone&quot;},{&quot;src&quot;:&quot;https:\\\/\\\/www.garciafaura.com\\\/wp-content\\\/uploads\\\/2018\\\/11\\\/Ampliacio\\u0301-Institut-Qui\\u0301mic-Sarria\\u0300-19.jpg&quot;,&quot;title&quot;:&quot;Nouveau b\\u00e2timent de l&#039;Institut Chimique de Sarri\\u00e0, \\u00e0 Barcelone&quot;},{&quot;src&quot;:&quot;https:\\\/\\\/www.garciafaura.com\\\/wp-content\\\/uploads\\\/2018\\\/11\\\/Ampliacio\\u0301-Institut-Qui\\u0301mic-Sarria\\u0300-18.jpg&quot;,&quot;title&quot;:&quot;Nouveau b\\u00e2timent de l&#039;Institut Chimique de Sarri\\u00e0, \\u00e0 Barcelone&quot;},{&quot;src&quot;:&quot;https:\\\/\\\/www.garciafaura.com\\\/wp-content\\\/uploads\\\/2018\\\/11\\\/Ampliacio\\u0301-Institut-Qui\\u0301mic-Sarria\\u0300-17.jpg&quot;,&quot;title&quot;:&quot;Nouveau b\\u00e2timent de l&#039;Institut Chimique de Sarri\\u00e0, \\u00e0 Barcelone&quot;},{&quot;src&quot;:&quot;https:\\\/\\\/www.garciafaura.com\\\/wp-content\\\/uploads\\\/2018\\\/11\\\/Ampliacio\\u0301-Institut-Qui\\u0301mic-Sarria\\u0300-16.jpg&quot;,&quot;title&quot;:&quot;Nouveau b\\u00e2timent de l&#039;Institut Chimique de Sarri\\u00e0, \\u00e0 Barcelone&quot;},{&quot;src&quot;:&quot;https:\\\/\\\/www.garciafaura.com\\\/wp-content\\\/uploads\\\/2018\\\/11\\\/Ampliacio\\u0301-Institut-Qui\\u0301mic-Sarria\\u0300-15.jpg&quot;,&quot;title&quot;:&quot;Nouveau b\\u00e2timent de l&#039;Institut Chimique de Sarri\\u00e0, \\u00e0 Barcelone&quot;},{&quot;src&quot;:&quot;https:\\\/\\\/www.garciafaura.com\\\/wp-content\\\/uploads\\\/2018\\\/11\\\/Ampliacio\\u0301-Institut-Qui\\u0301mic-Sarria\\u0300-14.jpg&quot;,&quot;title&quot;:&quot;Nouveau b\\u00e2timent de l&#039;Institut Chimique de Sarri\\u00e0, \\u00e0 Barcelone&quot;},{&quot;src&quot;:&quot;https:\\\/\\\/www.garciafaura.com\\\/wp-content\\\/uploads\\\/2018\\\/11\\\/Ampliacio\\u0301-Institut-Qui\\u0301mic-Sarria\\u0300-13.jpg&quot;,&quot;title&quot;:&quot;Nouveau b\\u00e2timent de l&#039;Institut Chimique de Sarri\\u00e0, \\u00e0 Barcelone&quot;},{&quot;src&quot;:&quot;https:\\\/\\\/www.garciafaura.com\\\/wp-content\\\/uploads\\\/2018\\\/11\\\/Ampliacio\\u0301-Institut-Qui\\u0301mic-Sarria\\u0300-12.jpg&quot;,&quot;title&quot;:&quot;Nouveau b\\u00e2timent de l&#039;Institut Chimique de Sarri\\u00e0, \\u00e0 Barcelone&quot;},{&quot;src&quot;:&quot;https:\\\/\\\/www.garciafaura.com\\\/wp-content\\\/uploads\\\/2018\\\/11\\\/Ampliacio\\u0301-Institut-Qui\\u0301mic-Sarria\\u0300-11.jpg&quot;,&quot;title&quot;:&quot;Nouveau b\\u00e2timent de l&#039;Institut Chimique de Sarri\\u00e0, \\u00e0 Barcelone&quot;},{&quot;src&quot;:&quot;https:\\\/\\\/www.garciafaura.com\\\/wp-content\\\/uploads\\\/2018\\\/11\\\/Ampliacio\\u0301-Institut-Qui\\u0301mic-Sarria\\u0300-10.jpg&quot;,&quot;title&quot;:&quot;Nouveau b\\u00e2timent de l&#039;Institut Chimique de Sarri\\u00e0, \\u00e0 Barcelone&quot;},{&quot;src&quot;:&quot;https:\\\/\\\/www.garciafaura.com\\\/wp-content\\\/uploads\\\/2018\\\/11\\\/Ampliacio\\u0301-Institut-Qui\\u0301mic-Sarria\\u0300-09.jpg&quot;,&quot;title&quot;:&quot;Nouveau b\\u00e2timent de l&#039;Institut Chimique de Sarri\\u00e0, \\u00e0 Barcelone&quot;},{&quot;src&quot;:&quot;https:\\\/\\\/www.garciafaura.com\\\/wp-content\\\/uploads\\\/2018\\\/11\\\/Ampliacio\\u0301-Institut-Qui\\u0301mic-Sarria\\u0300-08.jpg&quot;,&quot;title&quot;:&quot;Nouveau b\\u00e2timent de l&#039;Institut Chimique de Sarri\\u00e0, \\u00e0 Barcelone&quot;},{&quot;src&quot;:&quot;https:\\\/\\\/www.garciafaura.com\\\/wp-content\\\/uploads\\\/2018\\\/11\\\/Ampliacio\\u0301-Institut-Qui\\u0301mic-Sarria\\u0300-07.jpg&quot;,&quot;title&quot;:&quot;Nouveau b\\u00e2timent de l&#039;Institut Chimique de Sarri\\u00e0, \\u00e0 Barcelone&quot;},{&quot;src&quot;:&quot;https:\\\/\\\/www.garciafaura.com\\\/wp-content\\\/uploads\\\/2018\\\/11\\\/Ampliacio\\u0301-Institut-Qui\\u0301mic-Sarria\\u0300-06.jpg&quot;,&quot;title&quot;:&quot;Nouveau b\\u00e2timent de l&#039;Institut Chimique de Sarri\\u00e0, \\u00e0 Barcelone&quot;},{&quot;src&quot;:&quot;https:\\\/\\\/www.garciafaura.com\\\/wp-content\\\/uploads\\\/2018\\\/11\\\/Ampliacio\\u0301-Institut-Qui\\u0301mic-Sarria\\u0300-05.jpg&quot;,&quot;title&quot;:&quot;Nouveau b\\u00e2timent de l&#039;Institut Chimique de Sarri\\u00e0, \\u00e0 Barcelone&quot;},{&quot;src&quot;:&quot;https:\\\/\\\/www.garciafaura.com\\\/wp-content\\\/uploads\\\/2018\\\/11\\\/Ampliacio\\u0301-Institut-Qui\\u0301mic-Sarria\\u0300-04.jpg&quot;,&quot;title&quot;:&quot;Nouveau b\\u00e2timent de l&#039;Institut Chimique de Sarri\\u00e0, \\u00e0 Barcelone&quot;},{&quot;src&quot;:&quot;https:\\\/\\\/www.garciafaura.com\\\/wp-content\\\/uploads\\\/2018\\\/11\\\/Ampliacio\\u0301-Institut-Qui\\u0301mic-Sarria\\u0300-03.jpg&quot;,&quot;title&quot;:&quot;Nouveau b\\u00e2timent de l&#039;Institut Chimique de Sarri\\u00e0, \\u00e0 Barcelone&quot;},{&quot;src&quot;:&quot;https:\\\/\\\/www.garciafaura.com\\\/wp-content\\\/uploads\\\/2018\\\/11\\\/Ampliacio\\u0301-Institut-Qui\\u0301mic-Sarria\\u0300-02.jpg&quot;,&quot;title&quot;:&quot;Nouveau b\\u00e2timent de l&#039;Institut Chimique de Sarri\\u00e0, \\u00e0 Barcelone&quot;}]\"><img loading=\"lazy\" decoding=\"async\" data-no-lazy=\"1\" class=\"portfolio-entry-img skip-lazy\" src=\"https:\/\/www.garciafaura.com\/wp-content\/uploads\/2018\/11\/Ampliacio\u0301-Institut-Qui\u0301mic-Sarria\u0300-01-600x314.jpg\" alt=\"Nouveau B\u00e2timent De L'Institut Chimique De Sarri\u00e0, \u00e0 Barcelone\" data-no-retina width=\"600\" height=\"314\" \/><\/a><\/div><div class=\"portfolio-entry-details entry-details wpex-clr\"><h2 class=\"portfolio-entry-title entry-title\"><a href=\"https:\/\/www.garciafaura.com\/fr\/portfolio-item\/agrandissement-institut-chimique-de-sarria\/\" title=\"Agrandissement Institut Chimique de Sarri\u00e0\">Agrandissement Institut Chimique de Sarri\u00e0<\/a><\/h2><div class=\"portfolio-entry-categories entry-categories wpex-clr\"><a href=\"https:\/\/www.garciafaura.com\/fr\/portfolio-category\/batiments-de-services\/\" class=\"term-75\">B\u00e2timents de Services<\/a><\/div><\/div><\/div><\/div><div class=\"portfolio-entry vcex-grid-item entry-has-details span_1_of_3 col col-3 vcex-isotope-entry vcex-no-margin-entry post-20490 entry type-portfolio has-media cat-75 cat-90 translation_priority-5\"><div class=\"portfolio-entry-inner entry-inner wpex-clr\"><div class=\"portfolio-entry-media entry-media wpex-clr\"><a href=\"https:\/\/www.garciafaura.com\/wp-content\/uploads\/2018\/11\/Rehabilitacio\u0301-Cli\u0301nica-Bonanova-01.jpg\" title=\"R\u00e9am\u00e9nagement Clinique Bonanova\" class=\"portfolio-entry-media-link wpex-lightbox-gallery\" data-gallery=\"[{&quot;src&quot;:&quot;https:\\\/\\\/www.garciafaura.com\\\/wp-content\\\/uploads\\\/2018\\\/11\\\/Rehabilitacio\\u0301-Cli\\u0301nica-Bonanova-01.jpg&quot;,&quot;title&quot;:&quot;R\\u00e9habilitation int\\u00e9grale d&#039;un b\\u00e2timent d\\u00e9saffect\\u00e9 pour accueillir des services d&#039;assistance&quot;},{&quot;src&quot;:&quot;https:\\\/\\\/www.garciafaura.com\\\/wp-content\\\/uploads\\\/2018\\\/11\\\/Rehabilitacio\\u0301-Cli\\u0301nica-Bonanova-15.jpg&quot;,&quot;title&quot;:&quot;R\\u00e9habilitation int\\u00e9grale d&#039;un b\\u00e2timent d\\u00e9saffect\\u00e9 pour accueillir des services d&#039;assistance&quot;},{&quot;src&quot;:&quot;https:\\\/\\\/www.garciafaura.com\\\/wp-content\\\/uploads\\\/2018\\\/11\\\/Rehabilitacio\\u0301-Cli\\u0301nica-Bonanova-14.jpg&quot;,&quot;title&quot;:&quot;R\\u00e9habilitation int\\u00e9grale d&#039;un b\\u00e2timent d\\u00e9saffect\\u00e9 pour accueillir des services d&#039;assistance&quot;},{&quot;src&quot;:&quot;https:\\\/\\\/www.garciafaura.com\\\/wp-content\\\/uploads\\\/2018\\\/11\\\/Rehabilitacio\\u0301-Cli\\u0301nica-Bonanova-13.jpg&quot;,&quot;title&quot;:&quot;R\\u00e9habilitation int\\u00e9grale d&#039;un b\\u00e2timent d\\u00e9saffect\\u00e9 pour accueillir des services d&#039;assistance&quot;},{&quot;src&quot;:&quot;https:\\\/\\\/www.garciafaura.com\\\/wp-content\\\/uploads\\\/2018\\\/11\\\/Rehabilitacio\\u0301-Cli\\u0301nica-Bonanova-12.jpg&quot;,&quot;title&quot;:&quot;R\\u00e9habilitation int\\u00e9grale d&#039;un b\\u00e2timent d\\u00e9saffect\\u00e9 pour accueillir des services d&#039;assistance&quot;},{&quot;src&quot;:&quot;https:\\\/\\\/www.garciafaura.com\\\/wp-content\\\/uploads\\\/2018\\\/11\\\/Rehabilitacio\\u0301-Cli\\u0301nica-Bonanova-11.jpg&quot;,&quot;title&quot;:&quot;R\\u00e9habilitation int\\u00e9grale d&#039;un b\\u00e2timent d\\u00e9saffect\\u00e9 pour accueillir des services d&#039;assistance&quot;},{&quot;src&quot;:&quot;https:\\\/\\\/www.garciafaura.com\\\/wp-content\\\/uploads\\\/2018\\\/11\\\/Rehabilitacio\\u0301-Cli\\u0301nica-Bonanova-10.jpg&quot;,&quot;title&quot;:&quot;R\\u00e9habilitation int\\u00e9grale d&#039;un b\\u00e2timent d\\u00e9saffect\\u00e9 pour accueillir des services d&#039;assistance&quot;},{&quot;src&quot;:&quot;https:\\\/\\\/www.garciafaura.com\\\/wp-content\\\/uploads\\\/2018\\\/11\\\/Rehabilitacio\\u0301-Cli\\u0301nica-Bonanova-09.jpg&quot;,&quot;title&quot;:&quot;R\\u00e9habilitation int\\u00e9grale d&#039;un b\\u00e2timent d\\u00e9saffect\\u00e9 pour accueillir des services d&#039;assistance&quot;},{&quot;src&quot;:&quot;https:\\\/\\\/www.garciafaura.com\\\/wp-content\\\/uploads\\\/2018\\\/11\\\/Rehabilitacio\\u0301-Cli\\u0301nica-Bonanova-08.jpg&quot;,&quot;title&quot;:&quot;R\\u00e9habilitation int\\u00e9grale d&#039;un b\\u00e2timent d\\u00e9saffect\\u00e9 pour accueillir des services d&#039;assistance&quot;},{&quot;src&quot;:&quot;https:\\\/\\\/www.garciafaura.com\\\/wp-content\\\/uploads\\\/2018\\\/11\\\/Rehabilitacio\\u0301-Cli\\u0301nica-Bonanova-07.jpg&quot;,&quot;title&quot;:&quot;R\\u00e9habilitation int\\u00e9grale d&#039;un b\\u00e2timent d\\u00e9saffect\\u00e9 pour accueillir des services d&#039;assistance&quot;},{&quot;src&quot;:&quot;https:\\\/\\\/www.garciafaura.com\\\/wp-content\\\/uploads\\\/2018\\\/11\\\/Rehabilitacio\\u0301-Cli\\u0301nica-Bonanova-06.jpg&quot;,&quot;title&quot;:&quot;R\\u00e9habilitation int\\u00e9grale d&#039;un b\\u00e2timent d\\u00e9saffect\\u00e9 pour accueillir des services d&#039;assistance&quot;},{&quot;src&quot;:&quot;https:\\\/\\\/www.garciafaura.com\\\/wp-content\\\/uploads\\\/2018\\\/11\\\/Rehabilitacio\\u0301-Cli\\u0301nica-Bonanova-05.jpg&quot;,&quot;title&quot;:&quot;R\\u00e9habilitation int\\u00e9grale d&#039;un b\\u00e2timent d\\u00e9saffect\\u00e9 pour accueillir des services d&#039;assistance&quot;},{&quot;src&quot;:&quot;https:\\\/\\\/www.garciafaura.com\\\/wp-content\\\/uploads\\\/2018\\\/11\\\/Rehabilitacio\\u0301-Cli\\u0301nica-Bonanova-04.jpg&quot;,&quot;title&quot;:&quot;R\\u00e9habilitation int\\u00e9grale d&#039;un b\\u00e2timent d\\u00e9saffect\\u00e9 pour accueillir des services d&#039;assistance&quot;},{&quot;src&quot;:&quot;https:\\\/\\\/www.garciafaura.com\\\/wp-content\\\/uploads\\\/2018\\\/11\\\/Rehabilitacio\\u0301-Cli\\u0301nica-Bonanova-03.jpg&quot;,&quot;title&quot;:&quot;R\\u00e9habilitation int\\u00e9grale d&#039;un b\\u00e2timent d\\u00e9saffect\\u00e9 pour accueillir des services d&#039;assistance&quot;},{&quot;src&quot;:&quot;https:\\\/\\\/www.garciafaura.com\\\/wp-content\\\/uploads\\\/2018\\\/11\\\/Rehabilitacio\\u0301-Cli\\u0301nica-Bonanova-02.jpg&quot;,&quot;title&quot;:&quot;R\\u00e9habilitation int\\u00e9grale d&#039;un b\\u00e2timent d\\u00e9saffect\\u00e9 pour accueillir des services d&#039;assistance&quot;}]\"><img loading=\"lazy\" decoding=\"async\" data-no-lazy=\"1\" class=\"portfolio-entry-img skip-lazy\" src=\"https:\/\/www.garciafaura.com\/wp-content\/uploads\/2018\/11\/Rehabilitacio\u0301-Cli\u0301nica-Bonanova-01-600x314.jpg\" alt=\"R\u00e9habilitation Int\u00e9grale D'un B\u00e2timent D\u00e9saffect\u00e9 Pour Accueillir Des Services D'assistance\" data-no-retina width=\"600\" height=\"314\" \/><\/a><\/div><div class=\"portfolio-entry-details entry-details wpex-clr\"><h2 class=\"portfolio-entry-title entry-title\"><a href=\"https:\/\/www.garciafaura.com\/fr\/portfolio-item\/reamenagement-clinique-bonanova\/\" title=\"R\u00e9am\u00e9nagement Clinique Bonanova\">R\u00e9am\u00e9nagement Clinique Bonanova<\/a><\/h2><div class=\"portfolio-entry-categories entry-categories wpex-clr\"><a href=\"https:\/\/www.garciafaura.com\/fr\/portfolio-category\/batiments-de-services\/\" class=\"term-75\">B\u00e2timents de Services<\/a><\/div><\/div><\/div><\/div><div class=\"portfolio-entry vcex-grid-item entry-has-details span_1_of_3 col col-1 vcex-isotope-entry vcex-no-margin-entry post-20489 entry type-portfolio has-media cat-75 cat-90 translation_priority-5\"><div class=\"portfolio-entry-inner entry-inner wpex-clr\"><div class=\"portfolio-entry-media entry-media wpex-clr\"><a href=\"https:\/\/www.garciafaura.com\/wp-content\/uploads\/2018\/11\/Rehabilitacio\u0301-espai-Alchemika-10.jpg\" title=\"R\u00e9am\u00e9nagement Espace Alchemika\" class=\"portfolio-entry-media-link wpex-lightbox-gallery\" data-gallery=\"[{&quot;src&quot;:&quot;https:\\\/\\\/www.garciafaura.com\\\/wp-content\\\/uploads\\\/2018\\\/11\\\/Rehabilitacio\\u0301-espai-Alchemika-01.jpg&quot;,&quot;title&quot;:&quot;Fermetures pour nouveaux b\\u00e2timents publics, autrefois occup\\u00e9s par une usine&quot;},{&quot;src&quot;:&quot;https:\\\/\\\/www.garciafaura.com\\\/wp-content\\\/uploads\\\/2018\\\/11\\\/Rehabilitacio\\u0301-espai-Alchemika-16.jpg&quot;,&quot;title&quot;:&quot;Fermetures pour nouveaux b\\u00e2timents publics, autrefois occup\\u00e9s par une usine&quot;},{&quot;src&quot;:&quot;https:\\\/\\\/www.garciafaura.com\\\/wp-content\\\/uploads\\\/2018\\\/11\\\/Rehabilitacio\\u0301-espai-Alchemika-15.jpg&quot;,&quot;title&quot;:&quot;Fermetures pour nouveaux b\\u00e2timents publics, autrefois occup\\u00e9s par une usine&quot;},{&quot;src&quot;:&quot;https:\\\/\\\/www.garciafaura.com\\\/wp-content\\\/uploads\\\/2018\\\/11\\\/Rehabilitacio\\u0301-espai-Alchemika-14.jpg&quot;,&quot;title&quot;:&quot;Fermetures pour nouveaux b\\u00e2timents publics, autrefois occup\\u00e9s par une usine&quot;},{&quot;src&quot;:&quot;https:\\\/\\\/www.garciafaura.com\\\/wp-content\\\/uploads\\\/2018\\\/11\\\/Rehabilitacio\\u0301-espai-Alchemika-13.jpg&quot;,&quot;title&quot;:&quot;Fermetures pour nouveaux b\\u00e2timents publics, autrefois occup\\u00e9s par une usine&quot;},{&quot;src&quot;:&quot;https:\\\/\\\/www.garciafaura.com\\\/wp-content\\\/uploads\\\/2018\\\/11\\\/Rehabilitacio\\u0301-espai-Alchemika-12.jpg&quot;,&quot;title&quot;:&quot;Fermetures pour nouveaux b\\u00e2timents publics, autrefois occup\\u00e9s par une usine&quot;},{&quot;src&quot;:&quot;https:\\\/\\\/www.garciafaura.com\\\/wp-content\\\/uploads\\\/2018\\\/11\\\/Rehabilitacio\\u0301-espai-Alchemika-11.jpg&quot;,&quot;title&quot;:&quot;Fermetures pour nouveaux b\\u00e2timents publics, autrefois occup\\u00e9s par une usine&quot;},{&quot;src&quot;:&quot;https:\\\/\\\/www.garciafaura.com\\\/wp-content\\\/uploads\\\/2018\\\/11\\\/Rehabilitacio\\u0301-espai-Alchemika-10.jpg&quot;,&quot;title&quot;:&quot;Fermetures pour nouveaux b\\u00e2timents publics, autrefois occup\\u00e9s par une usine&quot;},{&quot;src&quot;:&quot;https:\\\/\\\/www.garciafaura.com\\\/wp-content\\\/uploads\\\/2018\\\/11\\\/Rehabilitacio\\u0301-espai-Alchemika-09.jpg&quot;,&quot;title&quot;:&quot;Fermetures pour nouveaux b\\u00e2timents publics, autrefois occup\\u00e9s par une usine&quot;},{&quot;src&quot;:&quot;https:\\\/\\\/www.garciafaura.com\\\/wp-content\\\/uploads\\\/2018\\\/11\\\/Rehabilitacio\\u0301-espai-Alchemika-08.jpg&quot;,&quot;title&quot;:&quot;Fermetures pour nouveaux b\\u00e2timents publics, autrefois occup\\u00e9s par une usine&quot;},{&quot;src&quot;:&quot;https:\\\/\\\/www.garciafaura.com\\\/wp-content\\\/uploads\\\/2018\\\/11\\\/Rehabilitacio\\u0301-espai-Alchemika-07.jpg&quot;,&quot;title&quot;:&quot;Fermetures pour nouveaux b\\u00e2timents publics, autrefois occup\\u00e9s par une usine&quot;},{&quot;src&quot;:&quot;https:\\\/\\\/www.garciafaura.com\\\/wp-content\\\/uploads\\\/2018\\\/11\\\/Rehabilitacio\\u0301-espai-Alchemika-06.jpg&quot;,&quot;title&quot;:&quot;Fermetures pour nouveaux b\\u00e2timents publics, autrefois occup\\u00e9s par une usine&quot;},{&quot;src&quot;:&quot;https:\\\/\\\/www.garciafaura.com\\\/wp-content\\\/uploads\\\/2018\\\/11\\\/Rehabilitacio\\u0301-espai-Alchemika-05.jpg&quot;,&quot;title&quot;:&quot;Fermetures pour nouveaux b\\u00e2timents publics, autrefois occup\\u00e9s par une usine&quot;},{&quot;src&quot;:&quot;https:\\\/\\\/www.garciafaura.com\\\/wp-content\\\/uploads\\\/2018\\\/11\\\/Rehabilitacio\\u0301-espai-Alchemika-04.jpg&quot;,&quot;title&quot;:&quot;Fermetures pour nouveaux b\\u00e2timents publics, autrefois occup\\u00e9s par une usine&quot;},{&quot;src&quot;:&quot;https:\\\/\\\/www.garciafaura.com\\\/wp-content\\\/uploads\\\/2018\\\/11\\\/Rehabilitacio\\u0301-espai-Alchemika-03.jpg&quot;,&quot;title&quot;:&quot;Fermetures pour nouveaux b\\u00e2timents publics, autrefois occup\\u00e9s par une usine&quot;},{&quot;src&quot;:&quot;https:\\\/\\\/www.garciafaura.com\\\/wp-content\\\/uploads\\\/2018\\\/11\\\/Rehabilitacio\\u0301-espai-Alchemika-02.jpg&quot;,&quot;title&quot;:&quot;Fermetures pour nouveaux b\\u00e2timents publics, autrefois occup\\u00e9s par une usine&quot;}]\"><img loading=\"lazy\" decoding=\"async\" data-no-lazy=\"1\" class=\"portfolio-entry-img skip-lazy\" src=\"https:\/\/www.garciafaura.com\/wp-content\/uploads\/2018\/11\/Rehabilitacio\u0301-espai-Alchemika-10-600x314.jpg\" alt=\"Fermetures Pour Nouveaux B\u00e2timents Publics, Autrefois Occup\u00e9s Par Une Usine\" data-no-retina width=\"600\" height=\"314\" \/><\/a><\/div><div class=\"portfolio-entry-details entry-details wpex-clr\"><h2 class=\"portfolio-entry-title entry-title\"><a href=\"https:\/\/www.garciafaura.com\/fr\/portfolio-item\/reamenagement-espace-alchemika\/\" title=\"R\u00e9am\u00e9nagement Espace Alchemika\">R\u00e9am\u00e9nagement Espace Alchemika<\/a><\/h2><div class=\"portfolio-entry-categories entry-categories wpex-clr\"><a href=\"https:\/\/www.garciafaura.com\/fr\/portfolio-category\/batiments-de-services\/\" class=\"term-75\">B\u00e2timents de Services<\/a><\/div><\/div><\/div><\/div><div class=\"portfolio-entry vcex-grid-item entry-has-details span_1_of_3 col col-2 vcex-isotope-entry vcex-no-margin-entry post-20487 entry type-portfolio has-media cat-75 cat-77 translation_priority-5\"><div class=\"portfolio-entry-inner entry-inner wpex-clr\"><div class=\"portfolio-entry-media entry-media wpex-clr\"><a href=\"https:\/\/www.garciafaura.com\/wp-content\/uploads\/2018\/11\/Promocio\u0301-Andrea-Doria-01.jpg\" title=\"Promotion Andrea Doria\" class=\"portfolio-entry-media-link wpex-lightbox-gallery\" data-gallery=\"[{&quot;src&quot;:&quot;https:\\\/\\\/www.garciafaura.com\\\/wp-content\\\/uploads\\\/2018\\\/11\\\/Promocio\\u0301-Andrea-Doria-01.jpg&quot;,&quot;title&quot;:&quot;Fermetures pour 30 logements, locaux et cr\\u00e8che La Barceloneta, \\u00e0 Barcelone&quot;},{&quot;src&quot;:&quot;https:\\\/\\\/www.garciafaura.com\\\/wp-content\\\/uploads\\\/2018\\\/11\\\/Promocio\\u0301-Andrea-Doria-12.jpg&quot;,&quot;title&quot;:&quot;Fermetures pour 30 logements, locaux et cr\\u00e8che La Barceloneta, \\u00e0 Barcelone&quot;},{&quot;src&quot;:&quot;https:\\\/\\\/www.garciafaura.com\\\/wp-content\\\/uploads\\\/2018\\\/11\\\/Promocio\\u0301-Andrea-Doria-11.jpg&quot;,&quot;title&quot;:&quot;Fermetures pour 30 logements, locaux et cr\\u00e8che La Barceloneta, \\u00e0 Barcelone&quot;},{&quot;src&quot;:&quot;https:\\\/\\\/www.garciafaura.com\\\/wp-content\\\/uploads\\\/2018\\\/11\\\/Promocio\\u0301-Andrea-Doria-10.jpg&quot;,&quot;title&quot;:&quot;Fermetures pour 30 logements, locaux et cr\\u00e8che La Barceloneta, \\u00e0 Barcelone&quot;},{&quot;src&quot;:&quot;https:\\\/\\\/www.garciafaura.com\\\/wp-content\\\/uploads\\\/2018\\\/11\\\/Promocio\\u0301-Andrea-Doria-09.jpg&quot;,&quot;title&quot;:&quot;Fermetures pour 30 logements, locaux et cr\\u00e8che La Barceloneta, \\u00e0 Barcelone&quot;},{&quot;src&quot;:&quot;https:\\\/\\\/www.garciafaura.com\\\/wp-content\\\/uploads\\\/2018\\\/11\\\/Promocio\\u0301-Andrea-Doria-08.jpg&quot;,&quot;title&quot;:&quot;Fermetures pour 30 logements, locaux et cr\\u00e8che La Barceloneta, \\u00e0 Barcelone&quot;},{&quot;src&quot;:&quot;https:\\\/\\\/www.garciafaura.com\\\/wp-content\\\/uploads\\\/2018\\\/11\\\/Promocio\\u0301-Andrea-Doria-07.jpg&quot;,&quot;title&quot;:&quot;Fermetures pour 30 logements, locaux et cr\\u00e8che La Barceloneta, \\u00e0 Barcelone&quot;},{&quot;src&quot;:&quot;https:\\\/\\\/www.garciafaura.com\\\/wp-content\\\/uploads\\\/2018\\\/11\\\/Promocio\\u0301-Andrea-Doria-06.jpg&quot;,&quot;title&quot;:&quot;Fermetures pour 30 logements, locaux et cr\\u00e8che La Barceloneta, \\u00e0 Barcelone&quot;},{&quot;src&quot;:&quot;https:\\\/\\\/www.garciafaura.com\\\/wp-content\\\/uploads\\\/2018\\\/11\\\/Promocio\\u0301-Andrea-Doria-05.jpg&quot;,&quot;title&quot;:&quot;Fermetures pour 30 logements, locaux et cr\\u00e8che La Barceloneta, \\u00e0 Barcelone&quot;},{&quot;src&quot;:&quot;https:\\\/\\\/www.garciafaura.com\\\/wp-content\\\/uploads\\\/2018\\\/11\\\/Promocio\\u0301-Andrea-Doria-04.jpg&quot;,&quot;title&quot;:&quot;Fermetures pour 30 logements, locaux et cr\\u00e8che La Barceloneta, \\u00e0 Barcelone&quot;},{&quot;src&quot;:&quot;https:\\\/\\\/www.garciafaura.com\\\/wp-content\\\/uploads\\\/2018\\\/11\\\/Promocio\\u0301-Andrea-Doria-03.jpg&quot;,&quot;title&quot;:&quot;Fermetures pour 30 logements, locaux et cr\\u00e8che La Barceloneta, \\u00e0 Barcelone&quot;},{&quot;src&quot;:&quot;https:\\\/\\\/www.garciafaura.com\\\/wp-content\\\/uploads\\\/2018\\\/11\\\/Promocio\\u0301-Andrea-Doria-02.jpg&quot;,&quot;title&quot;:&quot;Fermetures pour 30 logements, locaux et cr\\u00e8che La Barceloneta, \\u00e0 Barcelone&quot;}]\"><img loading=\"lazy\" decoding=\"async\" data-no-lazy=\"1\" class=\"portfolio-entry-img skip-lazy\" src=\"https:\/\/www.garciafaura.com\/wp-content\/uploads\/2018\/11\/Promocio\u0301-Andrea-Doria-01-600x314.jpg\" alt=\"Fermetures Pour 30 Logements, Locaux Et Cr\u00e8che La Barceloneta, \u00e0 Barcelone\" data-no-retina width=\"600\" height=\"314\" \/><\/a><\/div><div class=\"portfolio-entry-details entry-details wpex-clr\"><h2 class=\"portfolio-entry-title entry-title\"><a href=\"https:\/\/www.garciafaura.com\/fr\/portfolio-item\/promotion-andrea-doria\/\" title=\"Promotion Andrea Doria\">Promotion Andrea Doria<\/a><\/h2><div class=\"portfolio-entry-categories entry-categories wpex-clr\"><a href=\"https:\/\/www.garciafaura.com\/fr\/portfolio-category\/batiments-de-services\/\" class=\"term-75\">B\u00e2timents de Services<\/a><\/div><\/div><\/div><\/div><div class=\"portfolio-entry vcex-grid-item entry-has-details span_1_of_3 col col-3 vcex-isotope-entry vcex-no-margin-entry post-20485 entry type-portfolio has-media cat-75 translation_priority-5\"><div class=\"portfolio-entry-inner entry-inner wpex-clr\"><div class=\"portfolio-entry-media entry-media wpex-clr\"><a href=\"https:\/\/www.garciafaura.com\/wp-content\/uploads\/2018\/11\/Escola-Marta-Mata-01-3.jpg\" title=\"\u00c9cole Marta Mata\" class=\"portfolio-entry-media-link wpex-lightbox-gallery\" data-gallery=\"[{&quot;src&quot;:&quot;https:\\\/\\\/www.garciafaura.com\\\/wp-content\\\/uploads\\\/2018\\\/11\\\/Escola-Marta-Mata-01-3.jpg&quot;,&quot;title&quot;:&quot;Fabrication et installation des fermetures du nouvel \\u00e9tablissement scolaire de Matar\\u00f3&quot;},{&quot;src&quot;:&quot;https:\\\/\\\/www.garciafaura.com\\\/wp-content\\\/uploads\\\/2018\\\/11\\\/Escola-Marta-Mata-12.jpg&quot;,&quot;title&quot;:&quot;Fabrication et installation des fermetures du nouvel \\u00e9tablissement scolaire de Matar\\u00f3&quot;},{&quot;src&quot;:&quot;https:\\\/\\\/www.garciafaura.com\\\/wp-content\\\/uploads\\\/2018\\\/11\\\/Escola-Marta-Mata-11.jpg&quot;,&quot;title&quot;:&quot;Fabrication et installation des fermetures du nouvel \\u00e9tablissement scolaire de Matar\\u00f3&quot;},{&quot;src&quot;:&quot;https:\\\/\\\/www.garciafaura.com\\\/wp-content\\\/uploads\\\/2018\\\/11\\\/Escola-Marta-Mata-10.jpg&quot;,&quot;title&quot;:&quot;Fabrication et installation des fermetures du nouvel \\u00e9tablissement scolaire de Matar\\u00f3&quot;},{&quot;src&quot;:&quot;https:\\\/\\\/www.garciafaura.com\\\/wp-content\\\/uploads\\\/2018\\\/11\\\/Escola-Marta-Mata-09.jpg&quot;,&quot;title&quot;:&quot;Fabrication et installation des fermetures du nouvel \\u00e9tablissement scolaire de Matar\\u00f3&quot;},{&quot;src&quot;:&quot;https:\\\/\\\/www.garciafaura.com\\\/wp-content\\\/uploads\\\/2018\\\/11\\\/Escola-Marta-Mata-08.jpg&quot;,&quot;title&quot;:&quot;Fabrication et installation des fermetures du nouvel \\u00e9tablissement scolaire de Matar\\u00f3&quot;},{&quot;src&quot;:&quot;https:\\\/\\\/www.garciafaura.com\\\/wp-content\\\/uploads\\\/2018\\\/11\\\/Escola-Marta-Mata-07.jpg&quot;,&quot;title&quot;:&quot;Fabrication et installation des fermetures du nouvel \\u00e9tablissement scolaire de Matar\\u00f3&quot;},{&quot;src&quot;:&quot;https:\\\/\\\/www.garciafaura.com\\\/wp-content\\\/uploads\\\/2018\\\/11\\\/Escola-Marta-Mata-06.jpg&quot;,&quot;title&quot;:&quot;Fabrication et installation des fermetures du nouvel \\u00e9tablissement scolaire de Matar\\u00f3&quot;},{&quot;src&quot;:&quot;https:\\\/\\\/www.garciafaura.com\\\/wp-content\\\/uploads\\\/2018\\\/11\\\/Escola-Marta-Mata-05.jpg&quot;,&quot;title&quot;:&quot;Fabrication et installation des fermetures du nouvel \\u00e9tablissement scolaire de Matar\\u00f3&quot;},{&quot;src&quot;:&quot;https:\\\/\\\/www.garciafaura.com\\\/wp-content\\\/uploads\\\/2018\\\/11\\\/Escola-Marta-Mata-04.jpg&quot;,&quot;title&quot;:&quot;Fabrication et installation des fermetures du nouvel \\u00e9tablissement scolaire de Matar\\u00f3&quot;},{&quot;src&quot;:&quot;https:\\\/\\\/www.garciafaura.com\\\/wp-content\\\/uploads\\\/2018\\\/11\\\/Escola-Marta-Mata-03.jpg&quot;,&quot;title&quot;:&quot;Fabrication et installation des fermetures du nouvel \\u00e9tablissement scolaire de Matar\\u00f3&quot;},{&quot;src&quot;:&quot;https:\\\/\\\/www.garciafaura.com\\\/wp-content\\\/uploads\\\/2018\\\/11\\\/Escola-Marta-Mata-02.jpg&quot;,&quot;title&quot;:&quot;Fabrication et installation des fermetures du nouvel \\u00e9tablissement scolaire de Matar\\u00f3&quot;}]\"><img loading=\"lazy\" decoding=\"async\" data-no-lazy=\"1\" class=\"portfolio-entry-img skip-lazy\" src=\"https:\/\/www.garciafaura.com\/wp-content\/uploads\/2018\/11\/Escola-Marta-Mata-01-3-600x314.jpg\" alt=\"Fabrication Et Installation Des Fermetures Du Nouvel \u00e9tablissement Scolaire De Matar\u00f3\" data-no-retina width=\"600\" height=\"314\" \/><\/a><\/div><div class=\"portfolio-entry-details entry-details wpex-clr\"><h2 class=\"portfolio-entry-title entry-title\"><a href=\"https:\/\/www.garciafaura.com\/fr\/portfolio-item\/ecole-marta-mata\/\" title=\"\u00c9cole Marta Mata\">\u00c9cole Marta Mata<\/a><\/h2><div class=\"portfolio-entry-categories entry-categories wpex-clr\"><a href=\"https:\/\/www.garciafaura.com\/fr\/portfolio-category\/batiments-de-services\/\" class=\"term-75\">B\u00e2timents de Services<\/a><\/div><\/div><\/div><\/div><div class=\"portfolio-entry vcex-grid-item entry-has-details span_1_of_3 col col-1 vcex-isotope-entry vcex-no-margin-entry post-20482 entry type-portfolio has-media cat-75 translation_priority-5\"><div class=\"portfolio-entry-inner entry-inner wpex-clr\"><div class=\"portfolio-entry-media entry-media wpex-clr\"><a href=\"https:\/\/www.garciafaura.com\/wp-content\/uploads\/2018\/11\/Poliesportiu-Les-Moreres-01.jpg\" title=\"Club omnisports Les Moreres\" class=\"portfolio-entry-media-link wpex-lightbox-gallery\" data-gallery=\"[{&quot;src&quot;:&quot;https:\\\/\\\/www.garciafaura.com\\\/wp-content\\\/uploads\\\/2018\\\/11\\\/Poliesportiu-Les-Moreres-01.jpg&quot;,&quot;title&quot;:&quot;Architecture en aluminium et verre pour le centre municipal de sports d&#039;Esplugues de Llobregat&quot;},{&quot;src&quot;:&quot;https:\\\/\\\/www.garciafaura.com\\\/wp-content\\\/uploads\\\/2018\\\/11\\\/Poliesportiu-Les-Moreres-13.jpg&quot;,&quot;title&quot;:&quot;Architecture en aluminium et verre pour le centre municipal de sports d&#039;Esplugues de Llobregat&quot;},{&quot;src&quot;:&quot;https:\\\/\\\/www.garciafaura.com\\\/wp-content\\\/uploads\\\/2018\\\/11\\\/Poliesportiu-Les-Moreres-12.jpg&quot;,&quot;title&quot;:&quot;Architecture en aluminium et verre pour le centre municipal de sports d&#039;Esplugues de Llobregat&quot;},{&quot;src&quot;:&quot;https:\\\/\\\/www.garciafaura.com\\\/wp-content\\\/uploads\\\/2018\\\/11\\\/Poliesportiu-Les-Moreres-11.jpg&quot;,&quot;title&quot;:&quot;Architecture en aluminium et verre pour le centre municipal de sports d&#039;Esplugues de Llobregat&quot;},{&quot;src&quot;:&quot;https:\\\/\\\/www.garciafaura.com\\\/wp-content\\\/uploads\\\/2018\\\/11\\\/Poliesportiu-Les-Moreres-10.jpg&quot;,&quot;title&quot;:&quot;Architecture en aluminium et verre pour le centre municipal de sports d&#039;Esplugues de Llobregat&quot;},{&quot;src&quot;:&quot;https:\\\/\\\/www.garciafaura.com\\\/wp-content\\\/uploads\\\/2018\\\/11\\\/Poliesportiu-Les-Moreres-09.jpg&quot;,&quot;title&quot;:&quot;Architecture en aluminium et verre pour le centre municipal de sports d&#039;Esplugues de Llobregat&quot;},{&quot;src&quot;:&quot;https:\\\/\\\/www.garciafaura.com\\\/wp-content\\\/uploads\\\/2018\\\/11\\\/Poliesportiu-Les-Moreres-08.jpg&quot;,&quot;title&quot;:&quot;Architecture en aluminium et verre pour le centre municipal de sports d&#039;Esplugues de Llobregat&quot;},{&quot;src&quot;:&quot;https:\\\/\\\/www.garciafaura.com\\\/wp-content\\\/uploads\\\/2018\\\/11\\\/Poliesportiu-Les-Moreres-07.jpg&quot;,&quot;title&quot;:&quot;Architecture en aluminium et verre pour le centre municipal de sports d&#039;Esplugues de Llobregat&quot;},{&quot;src&quot;:&quot;https:\\\/\\\/www.garciafaura.com\\\/wp-content\\\/uploads\\\/2018\\\/11\\\/Poliesportiu-Les-Moreres-06.jpg&quot;,&quot;title&quot;:&quot;Architecture en aluminium et verre pour le centre municipal de sports d&#039;Esplugues de Llobregat&quot;},{&quot;src&quot;:&quot;https:\\\/\\\/www.garciafaura.com\\\/wp-content\\\/uploads\\\/2018\\\/11\\\/Poliesportiu-Les-Moreres-05.jpg&quot;,&quot;title&quot;:&quot;Architecture en aluminium et verre pour le centre municipal de sports d&#039;Esplugues de Llobregat&quot;},{&quot;src&quot;:&quot;https:\\\/\\\/www.garciafaura.com\\\/wp-content\\\/uploads\\\/2018\\\/11\\\/Poliesportiu-Les-Moreres-04.jpg&quot;,&quot;title&quot;:&quot;Architecture en aluminium et verre pour le centre municipal de sports d&#039;Esplugues de Llobregat&quot;},{&quot;src&quot;:&quot;https:\\\/\\\/www.garciafaura.com\\\/wp-content\\\/uploads\\\/2018\\\/11\\\/Poliesportiu-Les-Moreres-03.jpg&quot;,&quot;title&quot;:&quot;Architecture en aluminium et verre pour le centre municipal de sports d&#039;Esplugues de Llobregat&quot;},{&quot;src&quot;:&quot;https:\\\/\\\/www.garciafaura.com\\\/wp-content\\\/uploads\\\/2018\\\/11\\\/Poliesportiu-Les-Moreres-02.jpg&quot;,&quot;title&quot;:&quot;Architecture en aluminium et verre pour le centre municipal de sports d&#039;Esplugues de Llobregat&quot;}]\"><img loading=\"lazy\" decoding=\"async\" data-no-lazy=\"1\" class=\"portfolio-entry-img skip-lazy\" src=\"https:\/\/www.garciafaura.com\/wp-content\/uploads\/2018\/11\/Poliesportiu-Les-Moreres-01-600x314.jpg\" alt=\"Architecture En Aluminium Et Verre Pour Le Centre Municipal De Sports D'Esplugues De Llobregat\" data-no-retina width=\"600\" height=\"314\" \/><\/a><\/div><div class=\"portfolio-entry-details entry-details wpex-clr\"><h2 class=\"portfolio-entry-title entry-title\"><a href=\"https:\/\/www.garciafaura.com\/fr\/portfolio-item\/club-omnisports-les-moreres\/\" title=\"Club omnisports Les Moreres\">Club omnisports Les Moreres<\/a><\/h2><div class=\"portfolio-entry-categories entry-categories wpex-clr\"><a href=\"https:\/\/www.garciafaura.com\/fr\/portfolio-category\/batiments-de-services\/\" class=\"term-75\">B\u00e2timents de Services<\/a><\/div><\/div><\/div><\/div><div class=\"portfolio-entry vcex-grid-item entry-has-details span_1_of_3 col col-2 vcex-isotope-entry vcex-no-margin-entry post-20480 entry type-portfolio has-media cat-75 translation_priority-5\"><div class=\"portfolio-entry-inner entry-inner wpex-clr\"><div class=\"portfolio-entry-media entry-media wpex-clr\"><a href=\"https:\/\/www.garciafaura.com\/wp-content\/uploads\/2018\/11\/Ecoparc-Can-Mata-01.jpg\" title=\"Ecoparc Can Mata\" class=\"portfolio-entry-media-link wpex-lightbox-gallery\" data-gallery=\"[{&quot;src&quot;:&quot;https:\\\/\\\/www.garciafaura.com\\\/wp-content\\\/uploads\\\/2018\\\/11\\\/Ecoparc-Can-Mata-01.jpg&quot;,&quot;title&quot;:&quot;Installations industrielles de traitement de r\\u00e9sidus m\\u00e9tropolitains&quot;},{&quot;src&quot;:&quot;https:\\\/\\\/www.garciafaura.com\\\/wp-content\\\/uploads\\\/2018\\\/11\\\/Ecoparc-Can-Mata-13.jpg&quot;,&quot;title&quot;:&quot;Installations industrielles de traitement de r\\u00e9sidus m\\u00e9tropolitains&quot;},{&quot;src&quot;:&quot;https:\\\/\\\/www.garciafaura.com\\\/wp-content\\\/uploads\\\/2018\\\/11\\\/Ecoparc-Can-Mata-12.jpg&quot;,&quot;title&quot;:&quot;Installations industrielles de traitement de r\\u00e9sidus m\\u00e9tropolitains&quot;},{&quot;src&quot;:&quot;https:\\\/\\\/www.garciafaura.com\\\/wp-content\\\/uploads\\\/2018\\\/11\\\/Ecoparc-Can-Mata-11.jpg&quot;,&quot;title&quot;:&quot;Installations industrielles de traitement de r\\u00e9sidus m\\u00e9tropolitains&quot;},{&quot;src&quot;:&quot;https:\\\/\\\/www.garciafaura.com\\\/wp-content\\\/uploads\\\/2018\\\/11\\\/Ecoparc-Can-Mata-10.jpg&quot;,&quot;title&quot;:&quot;Installations industrielles de traitement de r\\u00e9sidus m\\u00e9tropolitains&quot;},{&quot;src&quot;:&quot;https:\\\/\\\/www.garciafaura.com\\\/wp-content\\\/uploads\\\/2018\\\/11\\\/Ecoparc-Can-Mata-09.jpg&quot;,&quot;title&quot;:&quot;Installations industrielles de traitement de r\\u00e9sidus m\\u00e9tropolitains&quot;},{&quot;src&quot;:&quot;https:\\\/\\\/www.garciafaura.com\\\/wp-content\\\/uploads\\\/2018\\\/11\\\/Ecoparc-Can-Mata-08.jpg&quot;,&quot;title&quot;:&quot;Installations industrielles de traitement de r\\u00e9sidus m\\u00e9tropolitains&quot;},{&quot;src&quot;:&quot;https:\\\/\\\/www.garciafaura.com\\\/wp-content\\\/uploads\\\/2018\\\/11\\\/Ecoparc-Can-Mata-06.jpg&quot;,&quot;title&quot;:&quot;Installations industrielles de traitement de r\\u00e9sidus m\\u00e9tropolitains&quot;},{&quot;src&quot;:&quot;https:\\\/\\\/www.garciafaura.com\\\/wp-content\\\/uploads\\\/2018\\\/11\\\/Ecoparc-Can-Mata-07.jpg&quot;,&quot;title&quot;:&quot;Installations industrielles de traitement de r\\u00e9sidus m\\u00e9tropolitains&quot;},{&quot;src&quot;:&quot;https:\\\/\\\/www.garciafaura.com\\\/wp-content\\\/uploads\\\/2018\\\/11\\\/Ecoparc-Can-Mata-05.jpg&quot;,&quot;title&quot;:&quot;Installations industrielles de traitement de r\\u00e9sidus m\\u00e9tropolitains&quot;},{&quot;src&quot;:&quot;https:\\\/\\\/www.garciafaura.com\\\/wp-content\\\/uploads\\\/2018\\\/11\\\/Ecoparc-Can-Mata-04.jpg&quot;,&quot;title&quot;:&quot;Installations industrielles de traitement de r\\u00e9sidus m\\u00e9tropolitains&quot;},{&quot;src&quot;:&quot;https:\\\/\\\/www.garciafaura.com\\\/wp-content\\\/uploads\\\/2018\\\/11\\\/Ecoparc-Can-Mata-03.jpg&quot;,&quot;title&quot;:&quot;Installations industrielles de traitement de r\\u00e9sidus m\\u00e9tropolitains&quot;},{&quot;src&quot;:&quot;https:\\\/\\\/www.garciafaura.com\\\/wp-content\\\/uploads\\\/2018\\\/11\\\/Ecoparc-Can-Mata-02.jpg&quot;,&quot;title&quot;:&quot;Installations industrielles de traitement de r\\u00e9sidus m\\u00e9tropolitains&quot;}]\"><img loading=\"lazy\" decoding=\"async\" data-no-lazy=\"1\" class=\"portfolio-entry-img skip-lazy\" src=\"https:\/\/www.garciafaura.com\/wp-content\/uploads\/2018\/11\/Ecoparc-Can-Mata-01-600x314.jpg\" alt=\"Installations Industrielles De Traitement De R\u00e9sidus M\u00e9tropolitains\" data-no-retina width=\"600\" height=\"314\" \/><\/a><\/div><div class=\"portfolio-entry-details entry-details wpex-clr\"><h2 class=\"portfolio-entry-title entry-title\"><a href=\"https:\/\/www.garciafaura.com\/fr\/portfolio-item\/ecoparc-can-mata\/\" title=\"Ecoparc Can Mata\">Ecoparc Can Mata<\/a><\/h2><div class=\"portfolio-entry-categories entry-categories wpex-clr\"><a href=\"https:\/\/www.garciafaura.com\/fr\/portfolio-category\/batiments-de-services\/\" class=\"term-75\">B\u00e2timents de Services<\/a><\/div><\/div><\/div><\/div><div class=\"portfolio-entry vcex-grid-item entry-has-details span_1_of_3 col col-3 vcex-isotope-entry vcex-no-margin-entry post-20479 entry type-portfolio has-media cat-75 cat-92 cat-93 cat-95 translation_priority-5\"><div class=\"portfolio-entry-inner entry-inner wpex-clr\"><div class=\"portfolio-entry-media entry-media wpex-clr\"><a href=\"https:\/\/www.garciafaura.com\/wp-content\/uploads\/2018\/11\/Centre-Tecnolo\u0300gic-Manresa-19.jpg\" title=\"CTM Centre Techonologique de Manresa\" class=\"portfolio-entry-media-link wpex-lightbox-gallery\" data-gallery=\"[{&quot;src&quot;:&quot;https:\\\/\\\/www.garciafaura.com\\\/wp-content\\\/uploads\\\/2018\\\/11\\\/Centre-Tecnolo\\u0300gic-Manresa-01.jpg&quot;,&quot;title&quot;:&quot;Fabrication et installation de fermetures, mur-rideau et rev\\u00eatement de fa\\u00e7ade&quot;},{&quot;src&quot;:&quot;https:\\\/\\\/www.garciafaura.com\\\/wp-content\\\/uploads\\\/2018\\\/11\\\/Centre-Tecnolo\\u0300gic-Manresa-19.jpg&quot;,&quot;title&quot;:&quot;Fabrication et installation de fermetures, mur-rideau et rev\\u00eatement de fa\\u00e7ade&quot;},{&quot;src&quot;:&quot;https:\\\/\\\/www.garciafaura.com\\\/wp-content\\\/uploads\\\/2018\\\/11\\\/Centre-Tecnolo\\u0300gic-Manresa-18.jpg&quot;,&quot;title&quot;:&quot;Fabrication et installation de fermetures, mur-rideau et rev\\u00eatement de fa\\u00e7ade&quot;},{&quot;src&quot;:&quot;https:\\\/\\\/www.garciafaura.com\\\/wp-content\\\/uploads\\\/2018\\\/11\\\/Centre-Tecnolo\\u0300gic-Manresa-17.jpg&quot;,&quot;title&quot;:&quot;Fabrication et installation de fermetures, mur-rideau et rev\\u00eatement de fa\\u00e7ade&quot;},{&quot;src&quot;:&quot;https:\\\/\\\/www.garciafaura.com\\\/wp-content\\\/uploads\\\/2018\\\/11\\\/Centre-Tecnolo\\u0300gic-Manresa-16.jpg&quot;,&quot;title&quot;:&quot;Fabrication et installation de fermetures, mur-rideau et rev\\u00eatement de fa\\u00e7ade&quot;},{&quot;src&quot;:&quot;https:\\\/\\\/www.garciafaura.com\\\/wp-content\\\/uploads\\\/2018\\\/11\\\/Centre-Tecnolo\\u0300gic-Manresa-15.jpg&quot;,&quot;title&quot;:&quot;Fabrication et installation de fermetures, mur-rideau et rev\\u00eatement de fa\\u00e7ade&quot;},{&quot;src&quot;:&quot;https:\\\/\\\/www.garciafaura.com\\\/wp-content\\\/uploads\\\/2018\\\/11\\\/Centre-Tecnolo\\u0300gic-Manresa-14.jpg&quot;,&quot;title&quot;:&quot;Fabrication et installation de fermetures, mur-rideau et rev\\u00eatement de fa\\u00e7ade&quot;},{&quot;src&quot;:&quot;https:\\\/\\\/www.garciafaura.com\\\/wp-content\\\/uploads\\\/2018\\\/11\\\/Centre-Tecnolo\\u0300gic-Manresa-13.jpg&quot;,&quot;title&quot;:&quot;Fabrication et installation de fermetures, mur-rideau et rev\\u00eatement de fa\\u00e7ade&quot;},{&quot;src&quot;:&quot;https:\\\/\\\/www.garciafaura.com\\\/wp-content\\\/uploads\\\/2018\\\/11\\\/Centre-Tecnolo\\u0300gic-Manresa-12.jpg&quot;,&quot;title&quot;:&quot;Fabrication et installation de fermetures, mur-rideau et rev\\u00eatement de fa\\u00e7ade&quot;},{&quot;src&quot;:&quot;https:\\\/\\\/www.garciafaura.com\\\/wp-content\\\/uploads\\\/2018\\\/11\\\/Centre-Tecnolo\\u0300gic-Manresa-11.jpg&quot;,&quot;title&quot;:&quot;Fabrication et installation de fermetures, mur-rideau et rev\\u00eatement de fa\\u00e7ade&quot;},{&quot;src&quot;:&quot;https:\\\/\\\/www.garciafaura.com\\\/wp-content\\\/uploads\\\/2018\\\/11\\\/Centre-Tecnolo\\u0300gic-Manresa-10.jpg&quot;,&quot;title&quot;:&quot;Fabrication et installation de fermetures, mur-rideau et rev\\u00eatement de fa\\u00e7ade&quot;},{&quot;src&quot;:&quot;https:\\\/\\\/www.garciafaura.com\\\/wp-content\\\/uploads\\\/2018\\\/11\\\/Centre-Tecnolo\\u0300gic-Manresa-09.jpg&quot;,&quot;title&quot;:&quot;Fabrication et installation de fermetures, mur-rideau et rev\\u00eatement de fa\\u00e7ade&quot;},{&quot;src&quot;:&quot;https:\\\/\\\/www.garciafaura.com\\\/wp-content\\\/uploads\\\/2018\\\/11\\\/Centre-Tecnolo\\u0300gic-Manresa-08.jpg&quot;,&quot;title&quot;:&quot;Fabrication et installation de fermetures, mur-rideau et rev\\u00eatement de fa\\u00e7ade&quot;},{&quot;src&quot;:&quot;https:\\\/\\\/www.garciafaura.com\\\/wp-content\\\/uploads\\\/2018\\\/11\\\/Centre-Tecnolo\\u0300gic-Manresa-07.jpg&quot;,&quot;title&quot;:&quot;Fabrication et installation de fermetures, mur-rideau et rev\\u00eatement de fa\\u00e7ade&quot;},{&quot;src&quot;:&quot;https:\\\/\\\/www.garciafaura.com\\\/wp-content\\\/uploads\\\/2018\\\/11\\\/Centre-Tecnolo\\u0300gic-Manresa-06.jpg&quot;,&quot;title&quot;:&quot;Fabrication et installation de fermetures, mur-rideau et rev\\u00eatement de fa\\u00e7ade&quot;},{&quot;src&quot;:&quot;https:\\\/\\\/www.garciafaura.com\\\/wp-content\\\/uploads\\\/2018\\\/11\\\/Centre-Tecnolo\\u0300gic-Manresa-05.jpg&quot;,&quot;title&quot;:&quot;Fabrication et installation de fermetures, mur-rideau et rev\\u00eatement de fa\\u00e7ade&quot;},{&quot;src&quot;:&quot;https:\\\/\\\/www.garciafaura.com\\\/wp-content\\\/uploads\\\/2018\\\/11\\\/Centre-Tecnolo\\u0300gic-Manresa-04.jpg&quot;,&quot;title&quot;:&quot;Fabrication et installation de fermetures, mur-rideau et rev\\u00eatement de fa\\u00e7ade&quot;},{&quot;src&quot;:&quot;https:\\\/\\\/www.garciafaura.com\\\/wp-content\\\/uploads\\\/2018\\\/11\\\/Centre-Tecnolo\\u0300gic-Manresa-03.jpg&quot;,&quot;title&quot;:&quot;Fabrication et installation de fermetures, mur-rideau et rev\\u00eatement de fa\\u00e7ade&quot;},{&quot;src&quot;:&quot;https:\\\/\\\/www.garciafaura.com\\\/wp-content\\\/uploads\\\/2018\\\/11\\\/Centre-Tecnolo\\u0300gic-Manresa-02.jpg&quot;,&quot;title&quot;:&quot;Fabrication et installation de fermetures, mur-rideau et rev\\u00eatement de fa\\u00e7ade&quot;}]\"><img loading=\"lazy\" decoding=\"async\" data-no-lazy=\"1\" class=\"portfolio-entry-img skip-lazy\" src=\"https:\/\/www.garciafaura.com\/wp-content\/uploads\/2018\/11\/Centre-Tecnolo\u0300gic-Manresa-19-600x314.jpg\" alt=\"Fabrication Et Installation De Fermetures, Mur-rideau Et Rev\u00eatement De Fa\u00e7ade\" data-no-retina width=\"600\" height=\"314\" \/><\/a><\/div><div class=\"portfolio-entry-details entry-details wpex-clr\"><h2 class=\"portfolio-entry-title entry-title\"><a href=\"https:\/\/www.garciafaura.com\/fr\/portfolio-item\/ctm-centre-techonologique-de-manresa\/\" title=\"CTM Centre Techonologique de Manresa\">CTM Centre Techonologique de Manresa<\/a><\/h2><div class=\"portfolio-entry-categories entry-categories wpex-clr\"><a href=\"https:\/\/www.garciafaura.com\/fr\/portfolio-category\/batiments-de-services\/\" class=\"term-75\">B\u00e2timents de Services<\/a><\/div><\/div><\/div><\/div><div class=\"portfolio-entry vcex-grid-item entry-has-details span_1_of_3 col col-1 vcex-isotope-entry vcex-no-margin-entry post-20478 entry type-portfolio has-media cat-75 translation_priority-5\"><div class=\"portfolio-entry-inner entry-inner wpex-clr\"><div class=\"portfolio-entry-media entry-media wpex-clr\"><a href=\"https:\/\/www.garciafaura.com\/wp-content\/uploads\/2018\/11\/Ampliacio\u0301-Hospital-Manresa-01.jpg\" title=\"Agrandissement H\u00f4pital Sant Joan de D\u00e9u\" class=\"portfolio-entry-media-link wpex-lightbox-gallery\" data-gallery=\"[{&quot;src&quot;:&quot;https:\\\/\\\/www.garciafaura.com\\\/wp-content\\\/uploads\\\/2018\\\/11\\\/Ampliacio\\u0301-Hospital-Manresa-01.jpg&quot;,&quot;title&quot;:&quot;Travaux d&#039;agrandissement de l&#039;H\\u00f4pital Sant Joan de D\\u00e9u \\u00e0 Manresa&quot;},{&quot;src&quot;:&quot;https:\\\/\\\/www.garciafaura.com\\\/wp-content\\\/uploads\\\/2018\\\/11\\\/Ampliacio\\u0301-Hospital-Manresa-13.jpg&quot;,&quot;title&quot;:&quot;Travaux d&#039;agrandissement de l&#039;H\\u00f4pital Sant Joan de D\\u00e9u \\u00e0 Manresa&quot;},{&quot;src&quot;:&quot;https:\\\/\\\/www.garciafaura.com\\\/wp-content\\\/uploads\\\/2018\\\/11\\\/Ampliacio\\u0301-Hospital-Manresa-12.jpg&quot;,&quot;title&quot;:&quot;Travaux d&#039;agrandissement de l&#039;H\\u00f4pital Sant Joan de D\\u00e9u \\u00e0 Manresa&quot;},{&quot;src&quot;:&quot;https:\\\/\\\/www.garciafaura.com\\\/wp-content\\\/uploads\\\/2018\\\/11\\\/Ampliacio\\u0301-Hospital-Manresa-11.jpg&quot;,&quot;title&quot;:&quot;Travaux d&#039;agrandissement de l&#039;H\\u00f4pital Sant Joan de D\\u00e9u \\u00e0 Manresa&quot;},{&quot;src&quot;:&quot;https:\\\/\\\/www.garciafaura.com\\\/wp-content\\\/uploads\\\/2018\\\/11\\\/Ampliacio\\u0301-Hospital-Manresa-10.jpg&quot;,&quot;title&quot;:&quot;Travaux d&#039;agrandissement de l&#039;H\\u00f4pital Sant Joan de D\\u00e9u \\u00e0 Manresa&quot;},{&quot;src&quot;:&quot;https:\\\/\\\/www.garciafaura.com\\\/wp-content\\\/uploads\\\/2018\\\/11\\\/Ampliacio\\u0301-Hospital-Manresa-09.jpg&quot;,&quot;title&quot;:&quot;Travaux d&#039;agrandissement de l&#039;H\\u00f4pital Sant Joan de D\\u00e9u \\u00e0 Manresa&quot;},{&quot;src&quot;:&quot;https:\\\/\\\/www.garciafaura.com\\\/wp-content\\\/uploads\\\/2018\\\/11\\\/Ampliacio\\u0301-Hospital-Manresa-07.jpg&quot;,&quot;title&quot;:&quot;Travaux d&#039;agrandissement de l&#039;H\\u00f4pital Sant Joan de D\\u00e9u \\u00e0 Manresa&quot;},{&quot;src&quot;:&quot;https:\\\/\\\/www.garciafaura.com\\\/wp-content\\\/uploads\\\/2018\\\/11\\\/Ampliacio\\u0301-Hospital-Manresa-08.jpg&quot;,&quot;title&quot;:&quot;Travaux d&#039;agrandissement de l&#039;H\\u00f4pital Sant Joan de D\\u00e9u \\u00e0 Manresa&quot;},{&quot;src&quot;:&quot;https:\\\/\\\/www.garciafaura.com\\\/wp-content\\\/uploads\\\/2018\\\/11\\\/Ampliacio\\u0301-Hospital-Manresa-06.jpg&quot;,&quot;title&quot;:&quot;Travaux d&#039;agrandissement de l&#039;H\\u00f4pital Sant Joan de D\\u00e9u \\u00e0 Manresa&quot;},{&quot;src&quot;:&quot;https:\\\/\\\/www.garciafaura.com\\\/wp-content\\\/uploads\\\/2018\\\/11\\\/Ampliacio\\u0301-Hospital-Manresa-05.jpg&quot;,&quot;title&quot;:&quot;Travaux d&#039;agrandissement de l&#039;H\\u00f4pital Sant Joan de D\\u00e9u \\u00e0 Manresa&quot;},{&quot;src&quot;:&quot;https:\\\/\\\/www.garciafaura.com\\\/wp-content\\\/uploads\\\/2018\\\/11\\\/Ampliacio\\u0301-Hospital-Manresa-04.jpg&quot;,&quot;title&quot;:&quot;Travaux d&#039;agrandissement de l&#039;H\\u00f4pital Sant Joan de D\\u00e9u \\u00e0 Manresa&quot;},{&quot;src&quot;:&quot;https:\\\/\\\/www.garciafaura.com\\\/wp-content\\\/uploads\\\/2018\\\/11\\\/Ampliacio\\u0301-Hospital-Manresa-03.jpg&quot;,&quot;title&quot;:&quot;Travaux d&#039;agrandissement de l&#039;H\\u00f4pital Sant Joan de D\\u00e9u \\u00e0 Manresa&quot;},{&quot;src&quot;:&quot;https:\\\/\\\/www.garciafaura.com\\\/wp-content\\\/uploads\\\/2018\\\/11\\\/Ampliacio\\u0301-Hospital-Manresa-02.jpg&quot;,&quot;title&quot;:&quot;Travaux d&#039;agrandissement de l&#039;H\\u00f4pital Sant Joan de D\\u00e9u \\u00e0 Manresa&quot;}]\"><img loading=\"lazy\" decoding=\"async\" data-no-lazy=\"1\" class=\"portfolio-entry-img skip-lazy\" src=\"https:\/\/www.garciafaura.com\/wp-content\/uploads\/2018\/11\/Ampliacio\u0301-Hospital-Manresa-01-600x314.jpg\" alt=\"Travaux D'agrandissement De L'H\u00f4pital Sant Joan De D\u00e9u \u00e0 Manresa\" data-no-retina width=\"600\" height=\"314\" \/><\/a><\/div><div class=\"portfolio-entry-details entry-details wpex-clr\"><h2 class=\"portfolio-entry-title entry-title\"><a href=\"https:\/\/www.garciafaura.com\/fr\/portfolio-item\/agrandissement-hopital-sant-joan-de-deu\/\" title=\"Agrandissement H\u00f4pital Sant Joan de D\u00e9u\">Agrandissement H\u00f4pital Sant Joan de D\u00e9u<\/a><\/h2><div class=\"portfolio-entry-categories entry-categories wpex-clr\"><a href=\"https:\/\/www.garciafaura.com\/fr\/portfolio-category\/batiments-de-services\/\" class=\"term-75\">B\u00e2timents de Services<\/a><\/div><\/div><\/div><\/div><div class=\"portfolio-entry vcex-grid-item entry-has-details span_1_of_3 col col-2 vcex-isotope-entry vcex-no-margin-entry post-20476 entry type-portfolio has-media cat-75 translation_priority-5\"><div class=\"portfolio-entry-inner entry-inner wpex-clr\"><div class=\"portfolio-entry-media entry-media wpex-clr\"><a href=\"https:\/\/www.garciafaura.com\/wp-content\/uploads\/2018\/11\/Espai-Maragall-03.jpg\" title=\"Espace Maragall\" class=\"portfolio-entry-media-link wpex-lightbox-gallery\" data-gallery=\"[{&quot;src&quot;:&quot;https:\\\/\\\/www.garciafaura.com\\\/wp-content\\\/uploads\\\/2018\\\/11\\\/Espai-Maragall-01.jpg&quot;,&quot;title&quot;:&quot;Fermetures et lucarne pour le nouvel Espace Maragall du Centre Civique des Arts Sc\\u00e9niques de Gav\\u00e0&quot;},{&quot;src&quot;:&quot;https:\\\/\\\/www.garciafaura.com\\\/wp-content\\\/uploads\\\/2018\\\/11\\\/Espai-Maragall-15.jpg&quot;,&quot;title&quot;:&quot;Fermetures et lucarne pour le nouvel Espace Maragall du Centre Civique des Arts Sc\\u00e9niques de Gav\\u00e0&quot;},{&quot;src&quot;:&quot;https:\\\/\\\/www.garciafaura.com\\\/wp-content\\\/uploads\\\/2018\\\/11\\\/Espai-Maragall-14.jpg&quot;,&quot;title&quot;:&quot;Fermetures et lucarne pour le nouvel Espace Maragall du Centre Civique des Arts Sc\\u00e9niques de Gav\\u00e0&quot;},{&quot;src&quot;:&quot;https:\\\/\\\/www.garciafaura.com\\\/wp-content\\\/uploads\\\/2018\\\/11\\\/Espai-Maragall-13.jpg&quot;,&quot;title&quot;:&quot;Fermetures et lucarne pour le nouvel Espace Maragall du Centre Civique des Arts Sc\\u00e9niques de Gav\\u00e0&quot;},{&quot;src&quot;:&quot;https:\\\/\\\/www.garciafaura.com\\\/wp-content\\\/uploads\\\/2018\\\/11\\\/Espai-Maragall-12.jpg&quot;,&quot;title&quot;:&quot;Fermetures et lucarne pour le nouvel Espace Maragall du Centre Civique des Arts Sc\\u00e9niques de Gav\\u00e0&quot;},{&quot;src&quot;:&quot;https:\\\/\\\/www.garciafaura.com\\\/wp-content\\\/uploads\\\/2018\\\/11\\\/Espai-Maragall-11.jpg&quot;,&quot;title&quot;:&quot;Fermetures et lucarne pour le nouvel Espace Maragall du Centre Civique des Arts Sc\\u00e9niques de Gav\\u00e0&quot;},{&quot;src&quot;:&quot;https:\\\/\\\/www.garciafaura.com\\\/wp-content\\\/uploads\\\/2018\\\/11\\\/Espai-Maragall-10.jpg&quot;,&quot;title&quot;:&quot;Fermetures et lucarne pour le nouvel Espace Maragall du Centre Civique des Arts Sc\\u00e9niques de Gav\\u00e0&quot;},{&quot;src&quot;:&quot;https:\\\/\\\/www.garciafaura.com\\\/wp-content\\\/uploads\\\/2018\\\/11\\\/Espai-Maragall-09.jpg&quot;,&quot;title&quot;:&quot;Fermetures et lucarne pour le nouvel Espace Maragall du Centre Civique des Arts Sc\\u00e9niques de Gav\\u00e0&quot;},{&quot;src&quot;:&quot;https:\\\/\\\/www.garciafaura.com\\\/wp-content\\\/uploads\\\/2018\\\/11\\\/Espai-Maragall-08.jpg&quot;,&quot;title&quot;:&quot;Fermetures et lucarne pour le nouvel Espace Maragall du Centre Civique des Arts Sc\\u00e9niques de Gav\\u00e0&quot;},{&quot;src&quot;:&quot;https:\\\/\\\/www.garciafaura.com\\\/wp-content\\\/uploads\\\/2018\\\/11\\\/Espai-Maragall-07.jpg&quot;,&quot;title&quot;:&quot;Fermetures et lucarne pour le nouvel Espace Maragall du Centre Civique des Arts Sc\\u00e9niques de Gav\\u00e0&quot;},{&quot;src&quot;:&quot;https:\\\/\\\/www.garciafaura.com\\\/wp-content\\\/uploads\\\/2018\\\/11\\\/Espai-Maragall-06.jpg&quot;,&quot;title&quot;:&quot;Fermetures et lucarne pour le nouvel Espace Maragall du Centre Civique des Arts Sc\\u00e9niques de Gav\\u00e0&quot;},{&quot;src&quot;:&quot;https:\\\/\\\/www.garciafaura.com\\\/wp-content\\\/uploads\\\/2018\\\/11\\\/Espai-Maragall-05.jpg&quot;,&quot;title&quot;:&quot;Fermetures et lucarne pour le nouvel Espace Maragall du Centre Civique des Arts Sc\\u00e9niques de Gav\\u00e0&quot;},{&quot;src&quot;:&quot;https:\\\/\\\/www.garciafaura.com\\\/wp-content\\\/uploads\\\/2018\\\/11\\\/Espai-Maragall-04.jpg&quot;,&quot;title&quot;:&quot;Fermetures et lucarne pour le nouvel Espace Maragall du Centre Civique des Arts Sc\\u00e9niques de Gav\\u00e0&quot;},{&quot;src&quot;:&quot;https:\\\/\\\/www.garciafaura.com\\\/wp-content\\\/uploads\\\/2018\\\/11\\\/Espai-Maragall-03.jpg&quot;,&quot;title&quot;:&quot;Fermetures et lucarne pour le nouvel Espace Maragall du Centre Civique des Arts Sc\\u00e9niques de Gav\\u00e0&quot;},{&quot;src&quot;:&quot;https:\\\/\\\/www.garciafaura.com\\\/wp-content\\\/uploads\\\/2018\\\/11\\\/Espai-Maragall-02.jpg&quot;,&quot;title&quot;:&quot;Fermetures et lucarne pour le nouvel Espace Maragall du Centre Civique des Arts Sc\\u00e9niques de Gav\\u00e0&quot;}]\"><img loading=\"lazy\" decoding=\"async\" data-no-lazy=\"1\" class=\"portfolio-entry-img skip-lazy\" src=\"https:\/\/www.garciafaura.com\/wp-content\/uploads\/2018\/11\/Espai-Maragall-03-600x314.jpg\" alt=\"Fermetures Et Lucarne Pour Le Nouvel Espace Maragall Du Centre Civique Des Arts Sc\u00e9niques De Gav\u00e0\" data-no-retina width=\"600\" height=\"314\" \/><\/a><\/div><div class=\"portfolio-entry-details entry-details wpex-clr\"><h2 class=\"portfolio-entry-title entry-title\"><a href=\"https:\/\/www.garciafaura.com\/fr\/portfolio-item\/espace-maragall\/\" title=\"Espace Maragall\">Espace Maragall<\/a><\/h2><div class=\"portfolio-entry-categories entry-categories wpex-clr\"><a href=\"https:\/\/www.garciafaura.com\/fr\/portfolio-category\/batiments-de-services\/\" class=\"term-75\">B\u00e2timents de Services<\/a><\/div><\/div><\/div><\/div><div class=\"portfolio-entry vcex-grid-item entry-has-details span_1_of_3 col col-3 vcex-isotope-entry vcex-no-margin-entry post-20474 entry type-portfolio has-media cat-75 translation_priority-5\"><div class=\"portfolio-entry-inner entry-inner wpex-clr\"><div class=\"portfolio-entry-media entry-media wpex-clr\"><a href=\"https:\/\/www.garciafaura.com\/wp-content\/uploads\/2018\/11\/Terminal-Palacruceros-02.jpg\" title=\"\u00c9largissement Terminal D Port Barcelone\" class=\"portfolio-entry-media-link wpex-lightbox-gallery\" data-gallery=\"[{&quot;src&quot;:&quot;https:\\\/\\\/www.garciafaura.com\\\/wp-content\\\/uploads\\\/2018\\\/11\\\/Terminal-Palacruceros-01.jpg&quot;,&quot;title&quot;:&quot;Aluminium, verre et placages pour le nouveau terminal du Port de Barcelone&quot;},{&quot;src&quot;:&quot;https:\\\/\\\/www.garciafaura.com\\\/wp-content\\\/uploads\\\/2018\\\/11\\\/Terminal-Palacruceros-31.jpg&quot;,&quot;title&quot;:&quot;Aluminium, verre et placages pour le nouveau terminal du Port de Barcelone&quot;},{&quot;src&quot;:&quot;https:\\\/\\\/www.garciafaura.com\\\/wp-content\\\/uploads\\\/2018\\\/11\\\/Terminal-Palacruceros-30.jpg&quot;,&quot;title&quot;:&quot;Aluminium, verre et placages pour le nouveau terminal du Port de Barcelone&quot;},{&quot;src&quot;:&quot;https:\\\/\\\/www.garciafaura.com\\\/wp-content\\\/uploads\\\/2018\\\/11\\\/Terminal-Palacruceros-29.jpg&quot;,&quot;title&quot;:&quot;Aluminium, verre et placages pour le nouveau terminal du Port de Barcelone&quot;},{&quot;src&quot;:&quot;https:\\\/\\\/www.garciafaura.com\\\/wp-content\\\/uploads\\\/2018\\\/11\\\/Terminal-Palacruceros-28.jpg&quot;,&quot;title&quot;:&quot;Aluminium, verre et placages pour le nouveau terminal du Port de Barcelone&quot;},{&quot;src&quot;:&quot;https:\\\/\\\/www.garciafaura.com\\\/wp-content\\\/uploads\\\/2018\\\/11\\\/Terminal-Palacruceros-27.jpg&quot;,&quot;title&quot;:&quot;Aluminium, verre et placages pour le nouveau terminal du Port de Barcelone&quot;},{&quot;src&quot;:&quot;https:\\\/\\\/www.garciafaura.com\\\/wp-content\\\/uploads\\\/2018\\\/11\\\/Terminal-Palacruceros-26.jpg&quot;,&quot;title&quot;:&quot;Aluminium, verre et placages pour le nouveau terminal du Port de Barcelone&quot;},{&quot;src&quot;:&quot;https:\\\/\\\/www.garciafaura.com\\\/wp-content\\\/uploads\\\/2018\\\/11\\\/Terminal-Palacruceros-25.jpg&quot;,&quot;title&quot;:&quot;Aluminium, verre et placages pour le nouveau terminal du Port de Barcelone&quot;},{&quot;src&quot;:&quot;https:\\\/\\\/www.garciafaura.com\\\/wp-content\\\/uploads\\\/2018\\\/11\\\/Terminal-Palacruceros-24.jpg&quot;,&quot;title&quot;:&quot;Aluminium, verre et placages pour le nouveau terminal du Port de Barcelone&quot;},{&quot;src&quot;:&quot;https:\\\/\\\/www.garciafaura.com\\\/wp-content\\\/uploads\\\/2018\\\/11\\\/Terminal-Palacruceros-23.jpg&quot;,&quot;title&quot;:&quot;Aluminium, verre et placages pour le nouveau terminal du Port de Barcelone&quot;},{&quot;src&quot;:&quot;https:\\\/\\\/www.garciafaura.com\\\/wp-content\\\/uploads\\\/2018\\\/11\\\/Terminal-Palacruceros-22.jpg&quot;,&quot;title&quot;:&quot;Aluminium, verre et placages pour le nouveau terminal du Port de Barcelone&quot;},{&quot;src&quot;:&quot;https:\\\/\\\/www.garciafaura.com\\\/wp-content\\\/uploads\\\/2018\\\/11\\\/Terminal-Palacruceros-21.jpg&quot;,&quot;title&quot;:&quot;Aluminium, verre et placages pour le nouveau terminal du Port de Barcelone&quot;},{&quot;src&quot;:&quot;https:\\\/\\\/www.garciafaura.com\\\/wp-content\\\/uploads\\\/2018\\\/11\\\/Terminal-Palacruceros-20.jpg&quot;,&quot;title&quot;:&quot;Aluminium, verre et placages pour le nouveau terminal du Port de Barcelone&quot;},{&quot;src&quot;:&quot;https:\\\/\\\/www.garciafaura.com\\\/wp-content\\\/uploads\\\/2018\\\/11\\\/Terminal-Palacruceros-19.jpg&quot;,&quot;title&quot;:&quot;Aluminium, verre et placages pour le nouveau terminal du Port de Barcelone&quot;},{&quot;src&quot;:&quot;https:\\\/\\\/www.garciafaura.com\\\/wp-content\\\/uploads\\\/2018\\\/11\\\/Terminal-Palacruceros-18.jpg&quot;,&quot;title&quot;:&quot;Aluminium, verre et placages pour le nouveau terminal du Port de Barcelone&quot;},{&quot;src&quot;:&quot;https:\\\/\\\/www.garciafaura.com\\\/wp-content\\\/uploads\\\/2018\\\/11\\\/Terminal-Palacruceros-17.jpg&quot;,&quot;title&quot;:&quot;Aluminium, verre et placages pour le nouveau terminal du Port de Barcelone&quot;},{&quot;src&quot;:&quot;https:\\\/\\\/www.garciafaura.com\\\/wp-content\\\/uploads\\\/2018\\\/11\\\/Terminal-Palacruceros-16.jpg&quot;,&quot;title&quot;:&quot;Aluminium, verre et placages pour le nouveau terminal du Port de Barcelone&quot;},{&quot;src&quot;:&quot;https:\\\/\\\/www.garciafaura.com\\\/wp-content\\\/uploads\\\/2018\\\/11\\\/Terminal-Palacruceros-15.jpg&quot;,&quot;title&quot;:&quot;Aluminium, verre et placages pour le nouveau terminal du Port de Barcelone&quot;},{&quot;src&quot;:&quot;https:\\\/\\\/www.garciafaura.com\\\/wp-content\\\/uploads\\\/2018\\\/11\\\/Terminal-Palacruceros-14.jpg&quot;,&quot;title&quot;:&quot;Aluminium, verre et placages pour le nouveau terminal du Port de Barcelone&quot;},{&quot;src&quot;:&quot;https:\\\/\\\/www.garciafaura.com\\\/wp-content\\\/uploads\\\/2018\\\/11\\\/Terminal-Palacruceros-13.jpg&quot;,&quot;title&quot;:&quot;Aluminium, verre et placages pour le nouveau terminal du Port de Barcelone&quot;},{&quot;src&quot;:&quot;https:\\\/\\\/www.garciafaura.com\\\/wp-content\\\/uploads\\\/2018\\\/11\\\/Terminal-Palacruceros-12.jpg&quot;,&quot;title&quot;:&quot;Aluminium, verre et placages pour le nouveau terminal du Port de Barcelone&quot;},{&quot;src&quot;:&quot;https:\\\/\\\/www.garciafaura.com\\\/wp-content\\\/uploads\\\/2018\\\/11\\\/Terminal-Palacruceros-11.jpg&quot;,&quot;title&quot;:&quot;Aluminium, verre et placages pour le nouveau terminal du Port de Barcelone&quot;},{&quot;src&quot;:&quot;https:\\\/\\\/www.garciafaura.com\\\/wp-content\\\/uploads\\\/2018\\\/11\\\/Terminal-Palacruceros-10.jpg&quot;,&quot;title&quot;:&quot;Aluminium, verre et placages pour le nouveau terminal du Port de Barcelone&quot;},{&quot;src&quot;:&quot;https:\\\/\\\/www.garciafaura.com\\\/wp-content\\\/uploads\\\/2018\\\/11\\\/Terminal-Palacruceros-09.jpg&quot;,&quot;title&quot;:&quot;Aluminium, verre et placages pour le nouveau terminal du Port de Barcelone&quot;},{&quot;src&quot;:&quot;https:\\\/\\\/www.garciafaura.com\\\/wp-content\\\/uploads\\\/2018\\\/11\\\/Terminal-Palacruceros-08.jpg&quot;,&quot;title&quot;:&quot;Aluminium, verre et placages pour le nouveau terminal du Port de Barcelone&quot;},{&quot;src&quot;:&quot;https:\\\/\\\/www.garciafaura.com\\\/wp-content\\\/uploads\\\/2018\\\/11\\\/Terminal-Palacruceros-06.jpg&quot;,&quot;title&quot;:&quot;Aluminium, verre et placages pour le nouveau terminal du Port de Barcelone&quot;},{&quot;src&quot;:&quot;https:\\\/\\\/www.garciafaura.com\\\/wp-content\\\/uploads\\\/2018\\\/11\\\/Terminal-Palacruceros-07.jpg&quot;,&quot;title&quot;:&quot;Aluminium, verre et placages pour le nouveau terminal du Port de Barcelone&quot;},{&quot;src&quot;:&quot;https:\\\/\\\/www.garciafaura.com\\\/wp-content\\\/uploads\\\/2018\\\/11\\\/Terminal-Palacruceros-05.jpg&quot;,&quot;title&quot;:&quot;Aluminium, verre et placages pour le nouveau terminal du Port de Barcelone&quot;},{&quot;src&quot;:&quot;https:\\\/\\\/www.garciafaura.com\\\/wp-content\\\/uploads\\\/2018\\\/11\\\/Terminal-Palacruceros-04.jpg&quot;,&quot;title&quot;:&quot;Aluminium, verre et placages pour le nouveau terminal du Port de Barcelone&quot;},{&quot;src&quot;:&quot;https:\\\/\\\/www.garciafaura.com\\\/wp-content\\\/uploads\\\/2018\\\/11\\\/Terminal-Palacruceros-03.jpg&quot;,&quot;title&quot;:&quot;Aluminium, verre et placages pour le nouveau terminal du Port de Barcelone&quot;},{&quot;src&quot;:&quot;https:\\\/\\\/www.garciafaura.com\\\/wp-content\\\/uploads\\\/2018\\\/11\\\/Terminal-Palacruceros-02.jpg&quot;,&quot;title&quot;:&quot;Aluminium, verre et placages pour le nouveau terminal du Port de Barcelone&quot;}]\"><img loading=\"lazy\" decoding=\"async\" data-no-lazy=\"1\" class=\"portfolio-entry-img skip-lazy\" src=\"https:\/\/www.garciafaura.com\/wp-content\/uploads\/2018\/11\/Terminal-Palacruceros-02-600x314.jpg\" alt=\"Aluminium, Verre Et Placages Pour Le Nouveau Terminal Du Port De Barcelone\" data-no-retina width=\"600\" height=\"314\" \/><\/a><\/div><div class=\"portfolio-entry-details entry-details wpex-clr\"><h2 class=\"portfolio-entry-title entry-title\"><a href=\"https:\/\/www.garciafaura.com\/fr\/portfolio-item\/elargissement-terminal-d-port-de-barcelone\/\" title=\"\u00c9largissement Terminal D Port Barcelone\">\u00c9largissement Terminal D Port Barcelone<\/a><\/h2><div class=\"portfolio-entry-categories entry-categories wpex-clr\"><a href=\"https:\/\/www.garciafaura.com\/fr\/portfolio-category\/batiments-de-services\/\" class=\"term-75\">B\u00e2timents de Services<\/a><\/div><\/div><\/div><\/div><div class=\"portfolio-entry vcex-grid-item entry-has-details span_1_of_3 col col-1 vcex-isotope-entry vcex-no-margin-entry post-20473 entry type-portfolio has-media cat-75 translation_priority-5\"><div class=\"portfolio-entry-inner entry-inner wpex-clr\"><div class=\"portfolio-entry-media entry-media wpex-clr\"><a href=\"https:\/\/www.garciafaura.com\/wp-content\/uploads\/2018\/11\/Escola-Damia\u0300-Mateu-Llinars-del-Valle\u0300s-08.jpg\" title=\"\u00c9cole Dami\u00e0 Mateu\" class=\"portfolio-entry-media-link wpex-lightbox-gallery\" data-gallery=\"[{&quot;src&quot;:&quot;https:\\\/\\\/www.garciafaura.com\\\/wp-content\\\/uploads\\\/2018\\\/11\\\/Escola-Damia\\u0300-Mateu-Llinars-del-Valle\\u0300s-08.jpg&quot;,&quot;title&quot;:&quot;Menuiserie en aluminium pour la deuxi\\u00e8me phase de construction d&#039;une \\u00e9cole \\u00e0 Llinars del Vall\\u00e8s&quot;},{&quot;src&quot;:&quot;https:\\\/\\\/www.garciafaura.com\\\/wp-content\\\/uploads\\\/2018\\\/11\\\/Escola-Damia\\u0300-Mateu-Llinars-del-Valle\\u0300s-07.jpg&quot;,&quot;title&quot;:&quot;Menuiserie en aluminium pour la deuxi\\u00e8me phase de construction d&#039;une \\u00e9cole \\u00e0 Llinars del Vall\\u00e8s&quot;},{&quot;src&quot;:&quot;https:\\\/\\\/www.garciafaura.com\\\/wp-content\\\/uploads\\\/2018\\\/11\\\/Escola-Damia\\u0300-Mateu-Llinars-del-Valle\\u0300s-06.jpg&quot;,&quot;title&quot;:&quot;Menuiserie en aluminium pour la deuxi\\u00e8me phase de construction d&#039;une \\u00e9cole \\u00e0 Llinars del Vall\\u00e8s&quot;},{&quot;src&quot;:&quot;https:\\\/\\\/www.garciafaura.com\\\/wp-content\\\/uploads\\\/2018\\\/11\\\/Escola-Damia\\u0300-Mateu-Llinars-del-Valle\\u0300s-05.jpg&quot;,&quot;title&quot;:&quot;Menuiserie en aluminium pour la deuxi\\u00e8me phase de construction d&#039;une \\u00e9cole \\u00e0 Llinars del Vall\\u00e8s&quot;},{&quot;src&quot;:&quot;https:\\\/\\\/www.garciafaura.com\\\/wp-content\\\/uploads\\\/2018\\\/11\\\/Escola-Damia\\u0300-Mateu-Llinars-del-Valle\\u0300s-04.jpg&quot;,&quot;title&quot;:&quot;Menuiserie en aluminium pour la deuxi\\u00e8me phase de construction d&#039;une \\u00e9cole \\u00e0 Llinars del Vall\\u00e8s&quot;},{&quot;src&quot;:&quot;https:\\\/\\\/www.garciafaura.com\\\/wp-content\\\/uploads\\\/2018\\\/11\\\/Escola-Damia\\u0300-Mateu-Llinars-del-Valle\\u0300s-03.jpg&quot;,&quot;title&quot;:&quot;Menuiserie en aluminium pour la deuxi\\u00e8me phase de construction d&#039;une \\u00e9cole \\u00e0 Llinars del Vall\\u00e8s&quot;},{&quot;src&quot;:&quot;https:\\\/\\\/www.garciafaura.com\\\/wp-content\\\/uploads\\\/2018\\\/11\\\/Escola-Damia\\u0300-Mateu-Llinars-del-Valle\\u0300s-02.jpg&quot;,&quot;title&quot;:&quot;Menuiserie en aluminium pour la deuxi\\u00e8me phase de construction d&#039;une \\u00e9cole \\u00e0 Llinars del Vall\\u00e8s&quot;},{&quot;src&quot;:&quot;https:\\\/\\\/www.garciafaura.com\\\/wp-content\\\/uploads\\\/2018\\\/11\\\/Escola-Damia\\u0300-Mateu-Llinars-del-Valle\\u0300s-01.jpg&quot;,&quot;title&quot;:&quot;Menuiserie en aluminium pour la deuxi\\u00e8me phase de construction d&#039;une \\u00e9cole \\u00e0 Llinars del Vall\\u00e8s&quot;}]\"><img loading=\"lazy\" decoding=\"async\" data-no-lazy=\"1\" class=\"portfolio-entry-img skip-lazy\" src=\"https:\/\/www.garciafaura.com\/wp-content\/uploads\/2018\/11\/Escola-Damia\u0300-Mateu-Llinars-del-Valle\u0300s-08-600x314.jpg\" alt=\"Menuiserie En Aluminium Pour La Deuxi\u00e8me Phase De Construction D'une \u00e9cole \u00e0 Llinars Del Vall\u00e8s\" data-no-retina width=\"600\" height=\"314\" \/><\/a><\/div><div class=\"portfolio-entry-details entry-details wpex-clr\"><h2 class=\"portfolio-entry-title entry-title\"><a href=\"https:\/\/www.garciafaura.com\/fr\/portfolio-item\/ecole-damia-mateu\/\" title=\"\u00c9cole Dami\u00e0 Mateu\">\u00c9cole Dami\u00e0 Mateu<\/a><\/h2><div class=\"portfolio-entry-categories entry-categories wpex-clr\"><a href=\"https:\/\/www.garciafaura.com\/fr\/portfolio-category\/batiments-de-services\/\" class=\"term-75\">B\u00e2timents de Services<\/a><\/div><\/div><\/div><\/div><div class=\"portfolio-entry vcex-grid-item entry-has-details span_1_of_3 col col-2 vcex-isotope-entry vcex-no-margin-entry post-20469 entry type-portfolio has-media cat-75 cat-90 translation_priority-5\"><div class=\"portfolio-entry-inner entry-inner wpex-clr\"><div class=\"portfolio-entry-media entry-media wpex-clr\"><a href=\"https:\/\/www.garciafaura.com\/wp-content\/uploads\/2018\/11\/Escola-Enxaneta-Valls-01.jpg\" title=\"\u00c9cole Enxaneta\" class=\"portfolio-entry-media-link wpex-lightbox-gallery\" data-gallery=\"[{&quot;src&quot;:&quot;https:\\\/\\\/www.garciafaura.com\\\/wp-content\\\/uploads\\\/2018\\\/11\\\/Escola-Enxaneta-Valls-01.jpg&quot;,&quot;title&quot;:&quot;Fermetures dans r\\u00e9novation de couvent du XIX\\u00e8me si\\u00e8cle pour accueillir une \\u00e9cole publique \\u00e0 Valls&quot;}]\"><img decoding=\"async\" data-no-lazy=\"1\" class=\"portfolio-entry-img skip-lazy\" src=\"https:\/\/www.garciafaura.com\/wp-content\/uploads\/2018\/11\/Escola-Enxaneta-Valls-01-x.jpg\" alt=\"Fermetures Dans R\u00e9novation De Couvent Du XIX\u00e8me Si\u00e8cle Pour Accueillir Une \u00e9cole Publique \u00e0 Valls\" data-no-retina \/><\/a><\/div><div class=\"portfolio-entry-details entry-details wpex-clr\"><h2 class=\"portfolio-entry-title entry-title\"><a href=\"https:\/\/www.garciafaura.com\/fr\/portfolio-item\/ecole-enxaneta\/\" title=\"\u00c9cole Enxaneta\">\u00c9cole Enxaneta<\/a><\/h2><div class=\"portfolio-entry-categories entry-categories wpex-clr\"><a href=\"https:\/\/www.garciafaura.com\/fr\/portfolio-category\/batiments-de-services\/\" class=\"term-75\">B\u00e2timents de Services<\/a><\/div><\/div><\/div><\/div><div class=\"portfolio-entry vcex-grid-item entry-has-details span_1_of_3 col col-3 vcex-isotope-entry vcex-no-margin-entry post-20462 entry type-portfolio has-media cat-75 cat-90 translation_priority-5\"><div class=\"portfolio-entry-inner entry-inner wpex-clr\"><div class=\"portfolio-entry-media entry-media wpex-clr\"><a href=\"https:\/\/www.garciafaura.com\/wp-content\/uploads\/2018\/11\/Rehabilitacio\u0301-Cli\u0301nica-Suma-01.jpg\" title=\"R\u00e9am\u00e9nagement Clinique Sant Honorat\" class=\"portfolio-entry-media-link wpex-lightbox-gallery\" data-gallery=\"[{&quot;src&quot;:&quot;https:\\\/\\\/www.garciafaura.com\\\/wp-content\\\/uploads\\\/2018\\\/11\\\/Rehabilitacio\\u0301-Cli\\u0301nica-Suma-01.jpg&quot;,&quot;title&quot;:&quot;R\\u00e9habilitation de l&#039;ancienne Clinique Sant Honorat de Barcelone&quot;},{&quot;src&quot;:&quot;https:\\\/\\\/www.garciafaura.com\\\/wp-content\\\/uploads\\\/2018\\\/11\\\/Rehabilitacio\\u0301-Cli\\u0301nica-Suma-07.jpg&quot;,&quot;title&quot;:&quot;R\\u00e9habilitation de l&#039;ancienne Clinique Sant Honorat de Barcelone&quot;},{&quot;src&quot;:&quot;https:\\\/\\\/www.garciafaura.com\\\/wp-content\\\/uploads\\\/2018\\\/11\\\/Rehabilitacio\\u0301-Cli\\u0301nica-Suma-06.jpg&quot;,&quot;title&quot;:&quot;R\\u00e9habilitation de l&#039;ancienne Clinique Sant Honorat de Barcelone&quot;},{&quot;src&quot;:&quot;https:\\\/\\\/www.garciafaura.com\\\/wp-content\\\/uploads\\\/2018\\\/11\\\/Rehabilitacio\\u0301-Cli\\u0301nica-Suma-05.jpg&quot;,&quot;title&quot;:&quot;R\\u00e9habilitation de l&#039;ancienne Clinique Sant Honorat de Barcelone&quot;},{&quot;src&quot;:&quot;https:\\\/\\\/www.garciafaura.com\\\/wp-content\\\/uploads\\\/2018\\\/11\\\/Rehabilitacio\\u0301-Cli\\u0301nica-Suma-04.jpg&quot;,&quot;title&quot;:&quot;R\\u00e9habilitation de l&#039;ancienne Clinique Sant Honorat de Barcelone&quot;},{&quot;src&quot;:&quot;https:\\\/\\\/www.garciafaura.com\\\/wp-content\\\/uploads\\\/2018\\\/11\\\/Rehabilitacio\\u0301-Cli\\u0301nica-Suma-03.jpg&quot;,&quot;title&quot;:&quot;R\\u00e9habilitation de l&#039;ancienne Clinique Sant Honorat de Barcelone&quot;},{&quot;src&quot;:&quot;https:\\\/\\\/www.garciafaura.com\\\/wp-content\\\/uploads\\\/2018\\\/11\\\/Rehabilitacio\\u0301-Cli\\u0301nica-Suma-02.jpg&quot;,&quot;title&quot;:&quot;R\\u00e9habilitation de l&#039;ancienne Clinique Sant Honorat de Barcelone&quot;}]\"><img loading=\"lazy\" decoding=\"async\" data-no-lazy=\"1\" class=\"portfolio-entry-img skip-lazy\" src=\"https:\/\/www.garciafaura.com\/wp-content\/uploads\/2018\/11\/Rehabilitacio\u0301-Cli\u0301nica-Suma-01-600x314.jpg\" alt=\"R\u00e9habilitation De L'ancienne Clinique Sant Honorat De Barcelone\" data-no-retina width=\"600\" height=\"314\" \/><\/a><\/div><div class=\"portfolio-entry-details entry-details wpex-clr\"><h2 class=\"portfolio-entry-title entry-title\"><a href=\"https:\/\/www.garciafaura.com\/fr\/portfolio-item\/reamenagement-clinique-sant-honorat\/\" title=\"R\u00e9am\u00e9nagement Clinique Sant Honorat\">R\u00e9am\u00e9nagement Clinique Sant Honorat<\/a><\/h2><div class=\"portfolio-entry-categories entry-categories wpex-clr\"><a href=\"https:\/\/www.garciafaura.com\/fr\/portfolio-category\/batiments-de-services\/\" class=\"term-75\">B\u00e2timents de Services<\/a><\/div><\/div><\/div><\/div><div class=\"portfolio-entry vcex-grid-item entry-has-details span_1_of_3 col col-1 vcex-isotope-entry vcex-no-margin-entry post-20457 entry type-portfolio has-media cat-75 cat-92 cat-93 cat-95 cat-97 cat-98 cat-90 cat-101 translation_priority-5\"><div class=\"portfolio-entry-inner entry-inner wpex-clr\"><div class=\"portfolio-entry-media entry-media wpex-clr\"><a href=\"https:\/\/www.garciafaura.com\/wp-content\/uploads\/2022\/06\/Morland01.jpg\" title=\"Projet Morland\" class=\"portfolio-entry-media-link wpex-lightbox-gallery\" data-gallery=\"[{&quot;src&quot;:&quot;https:\\\/\\\/www.garciafaura.com\\\/wp-content\\\/uploads\\\/2022\\\/06\\\/Morland01.jpg&quot;},{&quot;src&quot;:&quot;https:\\\/\\\/www.garciafaura.com\\\/wp-content\\\/uploads\\\/2022\\\/06\\\/Morland24.jpg&quot;},{&quot;src&quot;:&quot;https:\\\/\\\/www.garciafaura.com\\\/wp-content\\\/uploads\\\/2022\\\/06\\\/Morland02.jpg&quot;},{&quot;src&quot;:&quot;https:\\\/\\\/www.garciafaura.com\\\/wp-content\\\/uploads\\\/2022\\\/06\\\/Morland03.jpg&quot;},{&quot;src&quot;:&quot;https:\\\/\\\/www.garciafaura.com\\\/wp-content\\\/uploads\\\/2022\\\/06\\\/Morland04.jpg&quot;},{&quot;src&quot;:&quot;https:\\\/\\\/www.garciafaura.com\\\/wp-content\\\/uploads\\\/2022\\\/06\\\/Morland05.jpg&quot;},{&quot;src&quot;:&quot;https:\\\/\\\/www.garciafaura.com\\\/wp-content\\\/uploads\\\/2022\\\/06\\\/Morland06.jpg&quot;},{&quot;src&quot;:&quot;https:\\\/\\\/www.garciafaura.com\\\/wp-content\\\/uploads\\\/2022\\\/06\\\/Morland07.jpg&quot;},{&quot;src&quot;:&quot;https:\\\/\\\/www.garciafaura.com\\\/wp-content\\\/uploads\\\/2022\\\/06\\\/Morland08.jpg&quot;},{&quot;src&quot;:&quot;https:\\\/\\\/www.garciafaura.com\\\/wp-content\\\/uploads\\\/2022\\\/06\\\/Morland23.jpg&quot;},{&quot;src&quot;:&quot;https:\\\/\\\/www.garciafaura.com\\\/wp-content\\\/uploads\\\/2022\\\/06\\\/Morland22.jpg&quot;},{&quot;src&quot;:&quot;https:\\\/\\\/www.garciafaura.com\\\/wp-content\\\/uploads\\\/2022\\\/06\\\/Morland21.jpg&quot;},{&quot;src&quot;:&quot;https:\\\/\\\/www.garciafaura.com\\\/wp-content\\\/uploads\\\/2022\\\/06\\\/Morland20.jpg&quot;},{&quot;src&quot;:&quot;https:\\\/\\\/www.garciafaura.com\\\/wp-content\\\/uploads\\\/2022\\\/06\\\/Morland19.jpg&quot;},{&quot;src&quot;:&quot;https:\\\/\\\/www.garciafaura.com\\\/wp-content\\\/uploads\\\/2022\\\/06\\\/Morland18.jpg&quot;},{&quot;src&quot;:&quot;https:\\\/\\\/www.garciafaura.com\\\/wp-content\\\/uploads\\\/2022\\\/06\\\/Morland17.jpg&quot;},{&quot;src&quot;:&quot;https:\\\/\\\/www.garciafaura.com\\\/wp-content\\\/uploads\\\/2022\\\/06\\\/Morland16.jpg&quot;},{&quot;src&quot;:&quot;https:\\\/\\\/www.garciafaura.com\\\/wp-content\\\/uploads\\\/2022\\\/06\\\/Morland15.jpg&quot;},{&quot;src&quot;:&quot;https:\\\/\\\/www.garciafaura.com\\\/wp-content\\\/uploads\\\/2022\\\/06\\\/Morland14.jpg&quot;},{&quot;src&quot;:&quot;https:\\\/\\\/www.garciafaura.com\\\/wp-content\\\/uploads\\\/2022\\\/06\\\/Morland13.jpg&quot;},{&quot;src&quot;:&quot;https:\\\/\\\/www.garciafaura.com\\\/wp-content\\\/uploads\\\/2022\\\/06\\\/Morland12.jpg&quot;},{&quot;src&quot;:&quot;https:\\\/\\\/www.garciafaura.com\\\/wp-content\\\/uploads\\\/2022\\\/06\\\/Morland11.jpg&quot;},{&quot;src&quot;:&quot;https:\\\/\\\/www.garciafaura.com\\\/wp-content\\\/uploads\\\/2022\\\/06\\\/Morland10.jpg&quot;},{&quot;src&quot;:&quot;https:\\\/\\\/www.garciafaura.com\\\/wp-content\\\/uploads\\\/2022\\\/06\\\/Morland09.jpg&quot;}]\"><img loading=\"lazy\" decoding=\"async\" data-no-lazy=\"1\" class=\"portfolio-entry-img skip-lazy\" src=\"https:\/\/www.garciafaura.com\/wp-content\/uploads\/2022\/06\/Morland01-600x314.jpg\" alt='' data-no-retina width=\"600\" height=\"314\" \/><\/a><\/div><div class=\"portfolio-entry-details entry-details wpex-clr\"><h2 class=\"portfolio-entry-title entry-title\"><a href=\"https:\/\/www.garciafaura.com\/fr\/portfolio-item\/projet-morland\/\" title=\"Projet Morland\">Projet Morland<\/a><\/h2><div class=\"portfolio-entry-categories entry-categories wpex-clr\"><a href=\"https:\/\/www.garciafaura.com\/fr\/portfolio-category\/batiments-de-services-remarquables\/\" class=\"term-92\">B\u00e2timents de Services Remarquables<\/a><\/div><\/div><\/div><\/div><div class=\"portfolio-entry vcex-grid-item entry-has-details span_1_of_3 col col-2 vcex-isotope-entry vcex-no-margin-entry post-20456 entry type-portfolio has-media cat-75 translation_priority-5\"><div class=\"portfolio-entry-inner entry-inner wpex-clr\"><div class=\"portfolio-entry-media entry-media wpex-clr\"><a href=\"https:\/\/www.garciafaura.com\/wp-content\/uploads\/2019\/04\/Lagoh-01.jpg\" title=\"Lagoh S\u00e9ville\" class=\"portfolio-entry-media-link wpex-lightbox-gallery\" data-gallery=\"[{&quot;src&quot;:&quot;https:\\\/\\\/www.garciafaura.com\\\/wp-content\\\/uploads\\\/2019\\\/04\\\/Lagoh-01.jpg&quot;},{&quot;src&quot;:&quot;https:\\\/\\\/www.garciafaura.com\\\/wp-content\\\/uploads\\\/2019\\\/04\\\/Lagoh-02.jpg&quot;}]\"><img loading=\"lazy\" decoding=\"async\" data-no-lazy=\"1\" class=\"portfolio-entry-img skip-lazy\" src=\"https:\/\/www.garciafaura.com\/wp-content\/uploads\/2019\/04\/Lagoh-01-600x314.jpg\" alt='' data-no-retina width=\"600\" height=\"314\" \/><\/a><\/div><div class=\"portfolio-entry-details entry-details wpex-clr\"><h2 class=\"portfolio-entry-title entry-title\"><a href=\"https:\/\/www.garciafaura.com\/fr\/portfolio-item\/lagoh-seville\/\" title=\"Lagoh S\u00e9ville\">Lagoh S\u00e9ville<\/a><\/h2><div class=\"portfolio-entry-categories entry-categories wpex-clr\"><a href=\"https:\/\/www.garciafaura.com\/fr\/portfolio-category\/batiments-de-services\/\" class=\"term-75\">B\u00e2timents de Services<\/a><\/div><\/div><\/div><\/div><div class=\"portfolio-entry vcex-grid-item entry-has-details span_1_of_3 col col-3 vcex-isotope-entry vcex-no-margin-entry post-20453 entry type-portfolio has-media cat-75 translation_priority-5\"><div class=\"portfolio-entry-inner entry-inner wpex-clr\"><div class=\"portfolio-entry-media entry-media wpex-clr\"><a href=\"https:\/\/www.garciafaura.com\/wp-content\/uploads\/2019\/04\/Escola-Palau-Ametlla-01.jpg\" title=\"\u00c9cole Palau d&rsquo;Ametlla\" class=\"portfolio-entry-media-link wpex-lightbox-gallery\" data-gallery=\"[{&quot;src&quot;:&quot;https:\\\/\\\/www.garciafaura.com\\\/wp-content\\\/uploads\\\/2019\\\/04\\\/Escola-Palau-Ametlla-01.jpg&quot;,&quot;title&quot;:&quot;Fermetures en aluminium et en verre, portes d&#039;acc\\u00e8s et de s\\u00e9curit\\u00e9 dans ce nouvel \\u00e9tablissement d&#039;enseignement situ\\u00e9 \\u00e0 Montorn\\u00e8s del Vall\\u00e8s (Barcelone)&quot;},{&quot;src&quot;:&quot;https:\\\/\\\/www.garciafaura.com\\\/wp-content\\\/uploads\\\/2019\\\/04\\\/Escola-Palau-Ametlla-15.jpg&quot;},{&quot;src&quot;:&quot;https:\\\/\\\/www.garciafaura.com\\\/wp-content\\\/uploads\\\/2019\\\/04\\\/Escola-Palau-Ametlla-14.jpg&quot;},{&quot;src&quot;:&quot;https:\\\/\\\/www.garciafaura.com\\\/wp-content\\\/uploads\\\/2019\\\/04\\\/Escola-Palau-Ametlla-13.jpg&quot;},{&quot;src&quot;:&quot;https:\\\/\\\/www.garciafaura.com\\\/wp-content\\\/uploads\\\/2019\\\/04\\\/Escola-Palau-Ametlla-12.jpg&quot;},{&quot;src&quot;:&quot;https:\\\/\\\/www.garciafaura.com\\\/wp-content\\\/uploads\\\/2019\\\/04\\\/Escola-Palau-Ametlla-11.jpg&quot;},{&quot;src&quot;:&quot;https:\\\/\\\/www.garciafaura.com\\\/wp-content\\\/uploads\\\/2019\\\/04\\\/Escola-Palau-Ametlla-10.jpg&quot;},{&quot;src&quot;:&quot;https:\\\/\\\/www.garciafaura.com\\\/wp-content\\\/uploads\\\/2019\\\/04\\\/Escola-Palau-Ametlla-09.jpg&quot;},{&quot;src&quot;:&quot;https:\\\/\\\/www.garciafaura.com\\\/wp-content\\\/uploads\\\/2019\\\/04\\\/Escola-Palau-Ametlla-08.jpg&quot;},{&quot;src&quot;:&quot;https:\\\/\\\/www.garciafaura.com\\\/wp-content\\\/uploads\\\/2019\\\/04\\\/Escola-Palau-Ametlla-07.jpg&quot;},{&quot;src&quot;:&quot;https:\\\/\\\/www.garciafaura.com\\\/wp-content\\\/uploads\\\/2019\\\/04\\\/Escola-Palau-Ametlla-06.jpg&quot;},{&quot;src&quot;:&quot;https:\\\/\\\/www.garciafaura.com\\\/wp-content\\\/uploads\\\/2019\\\/04\\\/Escola-Palau-Ametlla-05.jpg&quot;},{&quot;src&quot;:&quot;https:\\\/\\\/www.garciafaura.com\\\/wp-content\\\/uploads\\\/2019\\\/04\\\/Escola-Palau-Ametlla-04.jpg&quot;},{&quot;src&quot;:&quot;https:\\\/\\\/www.garciafaura.com\\\/wp-content\\\/uploads\\\/2019\\\/04\\\/Escola-Palau-Ametlla-03.jpg&quot;},{&quot;src&quot;:&quot;https:\\\/\\\/www.garciafaura.com\\\/wp-content\\\/uploads\\\/2019\\\/04\\\/Escola-Palau-Ametlla-02.jpg&quot;}]\"><img loading=\"lazy\" decoding=\"async\" data-no-lazy=\"1\" class=\"portfolio-entry-img skip-lazy\" src=\"https:\/\/www.garciafaura.com\/wp-content\/uploads\/2019\/04\/Escola-Palau-Ametlla-01-600x314.jpg\" alt=\"Fermetures En Aluminium Et En Verre, Portes D'acc\u00e8s Et De S\u00e9curit\u00e9 Dans Ce Nouvel \u00e9tablissement D'enseignement Situ\u00e9 \u00e0 Montorn\u00e8s Del Vall\u00e8s (Barcelone)\" data-no-retina width=\"600\" height=\"314\" \/><\/a><\/div><div class=\"portfolio-entry-details entry-details wpex-clr\"><h2 class=\"portfolio-entry-title entry-title\"><a href=\"https:\/\/www.garciafaura.com\/fr\/portfolio-item\/ecole-palau-dametlla\/\" title=\"\u00c9cole Palau d&rsquo;Ametlla\">\u00c9cole Palau d&rsquo;Ametlla<\/a><\/h2><div class=\"portfolio-entry-categories entry-categories wpex-clr\"><a href=\"https:\/\/www.garciafaura.com\/fr\/portfolio-category\/batiments-de-services\/\" class=\"term-75\">B\u00e2timents de Services<\/a><\/div><\/div><\/div><\/div><div class=\"portfolio-entry vcex-grid-item entry-has-details span_1_of_3 col col-1 vcex-isotope-entry vcex-no-margin-entry post-20447 entry type-portfolio has-media cat-75 cat-92 cat-97 cat-98 translation_priority-5\"><div class=\"portfolio-entry-inner entry-inner wpex-clr\"><div class=\"portfolio-entry-media entry-media wpex-clr\"><a href=\"https:\/\/www.garciafaura.com\/wp-content\/uploads\/2019\/04\/01-CampusCondorcet_FotoSimonGarcia_arqfoto.jpg\" title=\"Campus Condorcet\" class=\"portfolio-entry-media-link wpex-lightbox-gallery\" data-gallery=\"[{&quot;src&quot;:&quot;https:\\\/\\\/www.garciafaura.com\\\/wp-content\\\/uploads\\\/2019\\\/04\\\/01-CampusCondorcet_FotoSimonGarcia_arqfoto.jpg&quot;,&quot;caption&quot;:&quot;\\u00a9 Simon Garcia|arqfoto.com&quot;},{&quot;src&quot;:&quot;https:\\\/\\\/www.garciafaura.com\\\/wp-content\\\/uploads\\\/2019\\\/04\\\/13-CampusCondorcet_FotoSimonGarcia_arqfoto.jpg&quot;,&quot;caption&quot;:&quot;\\u00a9 Simon Garcia|arqfoto.com&quot;},{&quot;src&quot;:&quot;https:\\\/\\\/www.garciafaura.com\\\/wp-content\\\/uploads\\\/2019\\\/04\\\/12-CampusCondorcet_FotoSimonGarcia_arqfoto.jpg&quot;,&quot;caption&quot;:&quot;\\u00a9 Simon Garcia|arqfoto.com&quot;},{&quot;src&quot;:&quot;https:\\\/\\\/www.garciafaura.com\\\/wp-content\\\/uploads\\\/2019\\\/04\\\/11-CampusCondorcet_FotoSimonGarcia_arqfoto.jpg&quot;,&quot;caption&quot;:&quot;\\u00a9 Simon Garcia|arqfoto.com&quot;},{&quot;src&quot;:&quot;https:\\\/\\\/www.garciafaura.com\\\/wp-content\\\/uploads\\\/2019\\\/04\\\/10-CampusCondorcet_FotoSimonGarcia_arqfoto.jpg&quot;,&quot;caption&quot;:&quot;\\u00a9 Simon Garcia|arqfoto.com&quot;},{&quot;src&quot;:&quot;https:\\\/\\\/www.garciafaura.com\\\/wp-content\\\/uploads\\\/2019\\\/04\\\/09-CampusCondorcet_FotoSimonGarcia_arqfoto.jpg&quot;,&quot;caption&quot;:&quot;\\u00a9 Simon Garcia|arqfoto.com&quot;},{&quot;src&quot;:&quot;https:\\\/\\\/www.garciafaura.com\\\/wp-content\\\/uploads\\\/2019\\\/04\\\/08-CampusCondorcet_FotoSimonGarcia_arqfoto.jpg&quot;,&quot;caption&quot;:&quot;\\u00a9 Simon Garcia|arqfoto.com&quot;},{&quot;src&quot;:&quot;https:\\\/\\\/www.garciafaura.com\\\/wp-content\\\/uploads\\\/2019\\\/04\\\/07-CampusCondorcet_FotoSimonGarcia_arqfoto.jpg&quot;,&quot;caption&quot;:&quot;\\u00a9 Simon Garcia|arqfoto.com&quot;},{&quot;src&quot;:&quot;https:\\\/\\\/www.garciafaura.com\\\/wp-content\\\/uploads\\\/2019\\\/04\\\/06-CampusCondorcet_FotoSimonGarcia_arqfoto.jpg&quot;,&quot;caption&quot;:&quot;\\u00a9 Simon Garcia|arqfoto.com&quot;},{&quot;src&quot;:&quot;https:\\\/\\\/www.garciafaura.com\\\/wp-content\\\/uploads\\\/2019\\\/04\\\/05-CampusCondorcet_FotoSimonGarcia_arqfoto.jpg&quot;,&quot;caption&quot;:&quot;\\u00a9 Simon Garcia|arqfoto.com&quot;},{&quot;src&quot;:&quot;https:\\\/\\\/www.garciafaura.com\\\/wp-content\\\/uploads\\\/2019\\\/04\\\/04-CampusCondorcet_FotoSimonGarcia_arqfoto.jpg&quot;,&quot;caption&quot;:&quot;\\u00a9 Simon Garcia|arqfoto.com&quot;},{&quot;src&quot;:&quot;https:\\\/\\\/www.garciafaura.com\\\/wp-content\\\/uploads\\\/2019\\\/04\\\/03-CampusCondorcet_FotoSimonGarcia_arqfoto.jpg&quot;,&quot;caption&quot;:&quot;\\u00a9 Simon Garcia|arqfoto.com&quot;},{&quot;src&quot;:&quot;https:\\\/\\\/www.garciafaura.com\\\/wp-content\\\/uploads\\\/2019\\\/04\\\/02-CampusCondorcet_FotoSimonGarcia_arqfoto.jpg&quot;,&quot;caption&quot;:&quot;\\u00a9 Simon Garcia|arqfoto.com&quot;}]\"><img loading=\"lazy\" decoding=\"async\" data-no-lazy=\"1\" class=\"portfolio-entry-img skip-lazy\" src=\"https:\/\/www.garciafaura.com\/wp-content\/uploads\/2019\/04\/01-CampusCondorcet_FotoSimonGarcia_arqfoto-600x314.jpg\" alt='' data-no-retina width=\"600\" height=\"314\" \/><\/a><\/div><div class=\"portfolio-entry-details entry-details wpex-clr\"><h2 class=\"portfolio-entry-title entry-title\"><a href=\"https:\/\/www.garciafaura.com\/fr\/portfolio-item\/campus-condorcet\/\" title=\"Campus Condorcet\">Campus Condorcet<\/a><\/h2><div class=\"portfolio-entry-categories entry-categories wpex-clr\"><a href=\"https:\/\/www.garciafaura.com\/fr\/portfolio-category\/international-fr\/\" class=\"term-97\">International<\/a><\/div><\/div><\/div><\/div><div class=\"portfolio-entry vcex-grid-item entry-has-details span_1_of_3 col col-2 vcex-isotope-entry vcex-no-margin-entry post-20441 entry type-portfolio has-media cat-75 cat-97 translation_priority-5\"><div class=\"portfolio-entry-inner entry-inner wpex-clr\"><div class=\"portfolio-entry-media entry-media wpex-clr\"><a href=\"https:\/\/www.garciafaura.com\/wp-content\/uploads\/2019\/04\/PalaisJusticeGF_1.jpg\" title=\"Palais de Justice de Paris\" class=\"portfolio-entry-media-link wpex-lightbox-gallery\" data-gallery=\"[{&quot;src&quot;:&quot;https:\\\/\\\/www.garciafaura.com\\\/wp-content\\\/uploads\\\/2019\\\/04\\\/PalaisJusticeGF_1.jpg&quot;},{&quot;src&quot;:&quot;https:\\\/\\\/www.garciafaura.com\\\/wp-content\\\/uploads\\\/2019\\\/04\\\/PalaisJusticeGF_7.jpg&quot;},{&quot;src&quot;:&quot;https:\\\/\\\/www.garciafaura.com\\\/wp-content\\\/uploads\\\/2019\\\/04\\\/PalaisJusticeGF_6.jpg&quot;},{&quot;src&quot;:&quot;https:\\\/\\\/www.garciafaura.com\\\/wp-content\\\/uploads\\\/2019\\\/04\\\/PalaisJusticeGF_5.jpg&quot;},{&quot;src&quot;:&quot;https:\\\/\\\/www.garciafaura.com\\\/wp-content\\\/uploads\\\/2019\\\/04\\\/PalaisJusticeGF_4.jpg&quot;},{&quot;src&quot;:&quot;https:\\\/\\\/www.garciafaura.com\\\/wp-content\\\/uploads\\\/2019\\\/04\\\/PalaisJusticeGF_3.jpg&quot;},{&quot;src&quot;:&quot;https:\\\/\\\/www.garciafaura.com\\\/wp-content\\\/uploads\\\/2019\\\/04\\\/PalaisJusticeGF_2.jpg&quot;}]\"><img loading=\"lazy\" decoding=\"async\" data-no-lazy=\"1\" class=\"portfolio-entry-img skip-lazy\" src=\"https:\/\/www.garciafaura.com\/wp-content\/uploads\/2019\/04\/PalaisJusticeGF_1-600x314.jpg\" alt='' data-no-retina width=\"600\" height=\"314\" \/><\/a><\/div><div class=\"portfolio-entry-details entry-details wpex-clr\"><h2 class=\"portfolio-entry-title entry-title\"><a href=\"https:\/\/www.garciafaura.com\/fr\/portfolio-item\/palais-de-justice-de-paris\/\" title=\"Palais de Justice de Paris\">Palais de Justice de Paris<\/a><\/h2><div class=\"portfolio-entry-categories entry-categories wpex-clr\"><a href=\"https:\/\/www.garciafaura.com\/fr\/portfolio-category\/international-fr\/\" class=\"term-97\">International<\/a><\/div><\/div><\/div><\/div><div class=\"portfolio-entry vcex-grid-item entry-has-details span_1_of_3 col col-3 vcex-isotope-entry vcex-no-margin-entry post-20428 entry type-portfolio has-media cat-75 cat-92 translation_priority-5\"><div class=\"portfolio-entry-inner entry-inner wpex-clr\"><div class=\"portfolio-entry-media entry-media wpex-clr\"><a href=\"https:\/\/www.garciafaura.com\/wp-content\/uploads\/2018\/12\/Tanatori-Terrassa-01.jpg\" title=\"Fun\u00e9rarium de Terrassa\" class=\"portfolio-entry-media-link wpex-lightbox-gallery\" data-gallery=\"[{&quot;src&quot;:&quot;https:\\\/\\\/www.garciafaura.com\\\/wp-content\\\/uploads\\\/2018\\\/12\\\/Tanatori-Terrassa-01.jpg&quot;,&quot;title&quot;:&quot;Travaux d&#039;aluminium et verre pour ce b\\u00e2timent fun\\u00e9raire&quot;},{&quot;src&quot;:&quot;https:\\\/\\\/www.garciafaura.com\\\/wp-content\\\/uploads\\\/2018\\\/12\\\/Tanatori-Terrassa-10.jpg&quot;,&quot;title&quot;:&quot;Travaux d&#039;aluminium et verre pour ce b\\u00e2timent fun\\u00e9raire&quot;},{&quot;src&quot;:&quot;https:\\\/\\\/www.garciafaura.com\\\/wp-content\\\/uploads\\\/2018\\\/12\\\/Tanatori-Terrassa-09.jpg&quot;,&quot;title&quot;:&quot;Travaux d&#039;aluminium et verre pour ce b\\u00e2timent fun\\u00e9raire&quot;},{&quot;src&quot;:&quot;https:\\\/\\\/www.garciafaura.com\\\/wp-content\\\/uploads\\\/2018\\\/12\\\/Tanatori-Terrassa-08.jpg&quot;,&quot;title&quot;:&quot;Travaux d&#039;aluminium et verre pour ce b\\u00e2timent fun\\u00e9raire&quot;},{&quot;src&quot;:&quot;https:\\\/\\\/www.garciafaura.com\\\/wp-content\\\/uploads\\\/2018\\\/12\\\/Tanatori-Terrassa-07.jpg&quot;,&quot;title&quot;:&quot;Travaux d&#039;aluminium et verre pour ce b\\u00e2timent fun\\u00e9raire&quot;},{&quot;src&quot;:&quot;https:\\\/\\\/www.garciafaura.com\\\/wp-content\\\/uploads\\\/2018\\\/12\\\/Tanatori-Terrassa-05.jpg&quot;,&quot;title&quot;:&quot;Travaux d&#039;aluminium et verre pour ce b\\u00e2timent fun\\u00e9raire&quot;},{&quot;src&quot;:&quot;https:\\\/\\\/www.garciafaura.com\\\/wp-content\\\/uploads\\\/2018\\\/12\\\/Tanatori-Terrassa-06.jpg&quot;,&quot;title&quot;:&quot;Travaux d&#039;aluminium et verre pour ce b\\u00e2timent fun\\u00e9raire&quot;},{&quot;src&quot;:&quot;https:\\\/\\\/www.garciafaura.com\\\/wp-content\\\/uploads\\\/2018\\\/12\\\/Tanatori-Terrassa-04.jpg&quot;,&quot;title&quot;:&quot;Travaux d&#039;aluminium et verre pour ce b\\u00e2timent fun\\u00e9raire&quot;},{&quot;src&quot;:&quot;https:\\\/\\\/www.garciafaura.com\\\/wp-content\\\/uploads\\\/2018\\\/12\\\/Tanatori-Terrassa-03.jpg&quot;,&quot;title&quot;:&quot;Travaux d&#039;aluminium et verre pour ce b\\u00e2timent fun\\u00e9raire&quot;},{&quot;src&quot;:&quot;https:\\\/\\\/www.garciafaura.com\\\/wp-content\\\/uploads\\\/2018\\\/12\\\/Tanatori-Terrassa-02.jpg&quot;,&quot;title&quot;:&quot;Travaux d&#039;aluminium et verre pour ce b\\u00e2timent fun\\u00e9raire&quot;}]\"><img loading=\"lazy\" decoding=\"async\" data-no-lazy=\"1\" class=\"portfolio-entry-img skip-lazy\" src=\"https:\/\/www.garciafaura.com\/wp-content\/uploads\/2018\/12\/Tanatori-Terrassa-01-600x314.jpg\" alt=\"Travaux D'aluminium Et Verre Pour Ce B\u00e2timent Fun\u00e9raire\" data-no-retina width=\"600\" height=\"314\" \/><\/a><\/div><div class=\"portfolio-entry-details entry-details wpex-clr\"><h2 class=\"portfolio-entry-title entry-title\"><a href=\"https:\/\/www.garciafaura.com\/fr\/portfolio-item\/funerarium-de-terrassa\/\" title=\"Fun\u00e9rarium de Terrassa\">Fun\u00e9rarium de Terrassa<\/a><\/h2><div class=\"portfolio-entry-categories entry-categories wpex-clr\"><a href=\"https:\/\/www.garciafaura.com\/fr\/portfolio-category\/batiments-de-services\/\" class=\"term-75\">B\u00e2timents de Services<\/a><\/div><\/div><\/div><\/div><div class=\"portfolio-entry vcex-grid-item entry-has-details span_1_of_3 col col-1 vcex-isotope-entry vcex-no-margin-entry post-20427 entry type-portfolio has-media cat-75 translation_priority-5\"><div class=\"portfolio-entry-inner entry-inner wpex-clr\"><div class=\"portfolio-entry-media entry-media wpex-clr\"><a href=\"https:\/\/www.garciafaura.com\/wp-content\/uploads\/2018\/12\/Institut-Can-Roca-Terrassa-01.jpg\" title=\"Lyc\u00e9e Can Roca Terrassa\" class=\"portfolio-entry-media-link wpex-lightbox-gallery\" data-gallery=\"[{&quot;src&quot;:&quot;https:\\\/\\\/www.garciafaura.com\\\/wp-content\\\/uploads\\\/2018\\\/12\\\/Institut-Can-Roca-Terrassa-01.jpg&quot;,&quot;title&quot;:&quot;Fermetures pour ce nouvel \\u00e9tablissement d&#039;enseignement de Terrassa&quot;},{&quot;src&quot;:&quot;https:\\\/\\\/www.garciafaura.com\\\/wp-content\\\/uploads\\\/2018\\\/12\\\/Institut-Can-Roca-Terrassa-13.jpg&quot;,&quot;title&quot;:&quot;Fermetures pour ce nouvel \\u00e9tablissement d&#039;enseignement de Terrassa&quot;},{&quot;src&quot;:&quot;https:\\\/\\\/www.garciafaura.com\\\/wp-content\\\/uploads\\\/2018\\\/12\\\/Institut-Can-Roca-Terrassa-12.jpg&quot;,&quot;title&quot;:&quot;Fermetures pour ce nouvel \\u00e9tablissement d&#039;enseignement de Terrassa&quot;},{&quot;src&quot;:&quot;https:\\\/\\\/www.garciafaura.com\\\/wp-content\\\/uploads\\\/2018\\\/12\\\/Institut-Can-Roca-Terrassa-11.jpg&quot;,&quot;title&quot;:&quot;Fermetures pour ce nouvel \\u00e9tablissement d&#039;enseignement de Terrassa&quot;},{&quot;src&quot;:&quot;https:\\\/\\\/www.garciafaura.com\\\/wp-content\\\/uploads\\\/2018\\\/12\\\/Institut-Can-Roca-Terrassa-10.jpg&quot;,&quot;title&quot;:&quot;Fermetures pour ce nouvel \\u00e9tablissement d&#039;enseignement de Terrassa&quot;},{&quot;src&quot;:&quot;https:\\\/\\\/www.garciafaura.com\\\/wp-content\\\/uploads\\\/2018\\\/12\\\/Institut-Can-Roca-Terrassa-09.jpg&quot;,&quot;title&quot;:&quot;Fermetures pour ce nouvel \\u00e9tablissement d&#039;enseignement de Terrassa&quot;},{&quot;src&quot;:&quot;https:\\\/\\\/www.garciafaura.com\\\/wp-content\\\/uploads\\\/2018\\\/12\\\/Institut-Can-Roca-Terrassa-08.jpg&quot;,&quot;title&quot;:&quot;Fermetures pour ce nouvel \\u00e9tablissement d&#039;enseignement de Terrassa&quot;},{&quot;src&quot;:&quot;https:\\\/\\\/www.garciafaura.com\\\/wp-content\\\/uploads\\\/2018\\\/12\\\/Institut-Can-Roca-Terrassa-07.jpg&quot;,&quot;title&quot;:&quot;Fermetures pour ce nouvel \\u00e9tablissement d&#039;enseignement de Terrassa&quot;},{&quot;src&quot;:&quot;https:\\\/\\\/www.garciafaura.com\\\/wp-content\\\/uploads\\\/2018\\\/12\\\/Institut-Can-Roca-Terrassa-06.jpg&quot;,&quot;title&quot;:&quot;Fermetures pour ce nouvel \\u00e9tablissement d&#039;enseignement de Terrassa&quot;},{&quot;src&quot;:&quot;https:\\\/\\\/www.garciafaura.com\\\/wp-content\\\/uploads\\\/2018\\\/12\\\/Institut-Can-Roca-Terrassa-05.jpg&quot;,&quot;title&quot;:&quot;Fermetures pour ce nouvel \\u00e9tablissement d&#039;enseignement de Terrassa&quot;},{&quot;src&quot;:&quot;https:\\\/\\\/www.garciafaura.com\\\/wp-content\\\/uploads\\\/2018\\\/12\\\/Institut-Can-Roca-Terrassa-04.jpg&quot;,&quot;title&quot;:&quot;Fermetures pour ce nouvel \\u00e9tablissement d&#039;enseignement de Terrassa&quot;},{&quot;src&quot;:&quot;https:\\\/\\\/www.garciafaura.com\\\/wp-content\\\/uploads\\\/2018\\\/12\\\/Institut-Can-Roca-Terrassa-03.jpg&quot;,&quot;title&quot;:&quot;Fermetures pour ce nouvel \\u00e9tablissement d&#039;enseignement de Terrassa&quot;},{&quot;src&quot;:&quot;https:\\\/\\\/www.garciafaura.com\\\/wp-content\\\/uploads\\\/2018\\\/12\\\/Institut-Can-Roca-Terrassa-02.jpg&quot;,&quot;title&quot;:&quot;Fermetures pour ce nouvel \\u00e9tablissement d&#039;enseignement de Terrassa&quot;}]\"><img loading=\"lazy\" decoding=\"async\" data-no-lazy=\"1\" class=\"portfolio-entry-img skip-lazy\" src=\"https:\/\/www.garciafaura.com\/wp-content\/uploads\/2018\/12\/Institut-Can-Roca-Terrassa-01-600x314.jpg\" alt=\"Fermetures Pour Ce Nouvel \u00e9tablissement D'enseignement De Terrassa\" data-no-retina width=\"600\" height=\"314\" \/><\/a><\/div><div class=\"portfolio-entry-details entry-details wpex-clr\"><h2 class=\"portfolio-entry-title entry-title\"><a href=\"https:\/\/www.garciafaura.com\/fr\/portfolio-item\/lycee-can-roca-terrassa\/\" title=\"Lyc\u00e9e Can Roca Terrassa\">Lyc\u00e9e Can Roca Terrassa<\/a><\/h2><div class=\"portfolio-entry-categories entry-categories wpex-clr\"><a href=\"https:\/\/www.garciafaura.com\/fr\/portfolio-category\/batiments-de-services\/\" class=\"term-75\">B\u00e2timents de Services<\/a><\/div><\/div><\/div><\/div><div class=\"portfolio-entry vcex-grid-item entry-has-details span_1_of_3 col col-2 vcex-isotope-entry vcex-no-margin-entry post-20418 entry type-portfolio has-media cat-75 translation_priority-5\"><div class=\"portfolio-entry-inner entry-inner wpex-clr\"><div class=\"portfolio-entry-media entry-media wpex-clr\"><a href=\"https:\/\/www.garciafaura.com\/wp-content\/uploads\/2018\/11\/Ajuntament-Sant-Pere-Ribes-02.jpg\" title=\"Mairie de Sant Pere de Ribes\" class=\"portfolio-entry-media-link wpex-lightbox-gallery\" data-gallery=\"[{&quot;src&quot;:&quot;https:\\\/\\\/www.garciafaura.com\\\/wp-content\\\/uploads\\\/2018\\\/11\\\/Ajuntament-Sant-Pere-Ribes-01.jpg&quot;,&quot;title&quot;:&quot;Architecture en aluminium et verre pour le nouveau b\\u00e2timent de la Mairie de la ville&quot;},{&quot;src&quot;:&quot;https:\\\/\\\/www.garciafaura.com\\\/wp-content\\\/uploads\\\/2018\\\/11\\\/Ajuntament-Sant-Pere-Ribes-04.jpg&quot;,&quot;title&quot;:&quot;Architecture en aluminium et verre pour le nouveau b\\u00e2timent de la Mairie de la ville&quot;},{&quot;src&quot;:&quot;https:\\\/\\\/www.garciafaura.com\\\/wp-content\\\/uploads\\\/2018\\\/11\\\/Ajuntament-Sant-Pere-Ribes-03.jpg&quot;,&quot;title&quot;:&quot;Architecture en aluminium et verre pour le nouveau b\\u00e2timent de la Mairie de la ville&quot;},{&quot;src&quot;:&quot;https:\\\/\\\/www.garciafaura.com\\\/wp-content\\\/uploads\\\/2018\\\/11\\\/Ajuntament-Sant-Pere-Ribes-02.jpg&quot;,&quot;title&quot;:&quot;Architecture en aluminium et verre pour le nouveau b\\u00e2timent de la Mairie de la ville&quot;}]\"><img decoding=\"async\" data-no-lazy=\"1\" class=\"portfolio-entry-img skip-lazy\" src=\"https:\/\/www.garciafaura.com\/wp-content\/uploads\/2018\/11\/Ajuntament-Sant-Pere-Ribes-02-x.jpg\" alt=\"Architecture En Aluminium Et Verre Pour Le Nouveau B\u00e2timent De La Mairie De La Ville\" data-no-retina \/><\/a><\/div><div class=\"portfolio-entry-details entry-details wpex-clr\"><h2 class=\"portfolio-entry-title entry-title\"><a href=\"https:\/\/www.garciafaura.com\/fr\/portfolio-item\/mairie-de-sant-pere-de-ribes\/\" title=\"Mairie de Sant Pere de Ribes\">Mairie de Sant Pere de Ribes<\/a><\/h2><div class=\"portfolio-entry-categories entry-categories wpex-clr\"><a href=\"https:\/\/www.garciafaura.com\/fr\/portfolio-category\/batiments-de-services\/\" class=\"term-75\">B\u00e2timents de Services<\/a><\/div><\/div><\/div><\/div><div class=\"portfolio-entry vcex-grid-item entry-has-details span_1_of_3 col col-3 vcex-isotope-entry vcex-no-margin-entry post-20416 entry type-portfolio has-media cat-75 cat-90 translation_priority-5\"><div class=\"portfolio-entry-inner entry-inner wpex-clr\"><div class=\"portfolio-entry-media entry-media wpex-clr\"><a href=\"https:\/\/www.garciafaura.com\/wp-content\/uploads\/2018\/11\/Col\u00b7legi-Sagrat-Cor-04.jpg\" title=\"\u00c9cole Sagrat Cor\" class=\"portfolio-entry-media-link wpex-lightbox-gallery\" data-gallery=\"[{&quot;src&quot;:&quot;https:\\\/\\\/www.garciafaura.com\\\/wp-content\\\/uploads\\\/2018\\\/11\\\/Col\\u00b7legi-Sagrat-Cor-05.jpg&quot;,&quot;title&quot;:&quot;R\\u00e9habilitation et nouvelle construction de cet \\u00e9tablissement scolaire de Barcelone&quot;},{&quot;src&quot;:&quot;https:\\\/\\\/www.garciafaura.com\\\/wp-content\\\/uploads\\\/2018\\\/11\\\/Col\\u00b7legi-Sagrat-Cor-07.jpg&quot;,&quot;title&quot;:&quot;R\\u00e9habilitation et nouvelle construction de cet \\u00e9tablissement scolaire de Barcelone&quot;},{&quot;src&quot;:&quot;https:\\\/\\\/www.garciafaura.com\\\/wp-content\\\/uploads\\\/2018\\\/11\\\/Col\\u00b7legi-Sagrat-Cor-06.jpg&quot;,&quot;title&quot;:&quot;R\\u00e9habilitation et nouvelle construction de cet \\u00e9tablissement scolaire de Barcelone&quot;},{&quot;src&quot;:&quot;https:\\\/\\\/www.garciafaura.com\\\/wp-content\\\/uploads\\\/2018\\\/11\\\/Col\\u00b7legi-Sagrat-Cor-04.jpg&quot;,&quot;title&quot;:&quot;R\\u00e9habilitation et nouvelle construction de cet \\u00e9tablissement scolaire de Barcelone&quot;},{&quot;src&quot;:&quot;https:\\\/\\\/www.garciafaura.com\\\/wp-content\\\/uploads\\\/2018\\\/11\\\/Col\\u00b7legi-Sagrat-Cor-03.jpg&quot;,&quot;title&quot;:&quot;R\\u00e9habilitation et nouvelle construction de cet \\u00e9tablissement scolaire de Barcelone&quot;},{&quot;src&quot;:&quot;https:\\\/\\\/www.garciafaura.com\\\/wp-content\\\/uploads\\\/2018\\\/11\\\/Col\\u00b7legi-Sagrat-Cor-02.jpg&quot;,&quot;title&quot;:&quot;R\\u00e9habilitation et nouvelle construction de cet \\u00e9tablissement scolaire de Barcelone&quot;},{&quot;src&quot;:&quot;https:\\\/\\\/www.garciafaura.com\\\/wp-content\\\/uploads\\\/2018\\\/11\\\/Col\\u00b7legi-Sagrat-Cor-01.jpg&quot;,&quot;title&quot;:&quot;R\\u00e9habilitation et nouvelle construction de cet \\u00e9tablissement scolaire de Barcelone&quot;}]\"><img decoding=\"async\" data-no-lazy=\"1\" class=\"portfolio-entry-img skip-lazy\" src=\"https:\/\/www.garciafaura.com\/wp-content\/uploads\/2018\/11\/Col\u00b7legi-Sagrat-Cor-04-x.jpg\" alt=\"R\u00e9habilitation Et Nouvelle Construction De Cet \u00e9tablissement Scolaire De Barcelone\" data-no-retina \/><\/a><\/div><div class=\"portfolio-entry-details entry-details wpex-clr\"><h2 class=\"portfolio-entry-title entry-title\"><a href=\"https:\/\/www.garciafaura.com\/fr\/portfolio-item\/ecole-sagrat-cor\/\" title=\"\u00c9cole Sagrat Cor\">\u00c9cole Sagrat Cor<\/a><\/h2><div class=\"portfolio-entry-categories entry-categories wpex-clr\"><a href=\"https:\/\/www.garciafaura.com\/fr\/portfolio-category\/batiments-de-services\/\" class=\"term-75\">B\u00e2timents de Services<\/a><\/div><\/div><\/div><\/div><div class=\"portfolio-entry vcex-grid-item entry-has-details span_1_of_3 col col-1 vcex-isotope-entry vcex-no-margin-entry post-20407 entry type-portfolio has-media cat-75 cat-93 translation_priority-5\"><div class=\"portfolio-entry-inner entry-inner wpex-clr\"><div class=\"portfolio-entry-media entry-media wpex-clr\"><a href=\"https:\/\/www.garciafaura.com\/wp-content\/uploads\/2018\/11\/Gimna\u0300s-Arqus-Sport-01.jpg\" title=\"Gymnase Arqus Sport\" class=\"portfolio-entry-media-link wpex-lightbox-gallery\" data-gallery=\"[{&quot;src&quot;:&quot;https:\\\/\\\/www.garciafaura.com\\\/wp-content\\\/uploads\\\/2018\\\/11\\\/Gimna\\u0300s-Arqus-Sport-01.jpg&quot;,&quot;title&quot;:&quot;Mur-rideau bomb\\u00e9 pour les nouvelles installations de ce gymnase&quot;},{&quot;src&quot;:&quot;https:\\\/\\\/www.garciafaura.com\\\/wp-content\\\/uploads\\\/2018\\\/11\\\/Gimna\\u0300s-Arqus-Sport-05.jpg&quot;,&quot;title&quot;:&quot;Mur-rideau bomb\\u00e9 pour les nouvelles installations de ce gymnase&quot;},{&quot;src&quot;:&quot;https:\\\/\\\/www.garciafaura.com\\\/wp-content\\\/uploads\\\/2018\\\/11\\\/Gimna\\u0300s-Arqus-Sport-04.jpg&quot;,&quot;title&quot;:&quot;Mur-rideau bomb\\u00e9 pour les nouvelles installations de ce gymnase&quot;},{&quot;src&quot;:&quot;https:\\\/\\\/www.garciafaura.com\\\/wp-content\\\/uploads\\\/2018\\\/11\\\/Gimna\\u0300s-Arqus-Sport-03.jpg&quot;,&quot;title&quot;:&quot;Mur-rideau bomb\\u00e9 pour les nouvelles installations de ce gymnase&quot;},{&quot;src&quot;:&quot;https:\\\/\\\/www.garciafaura.com\\\/wp-content\\\/uploads\\\/2018\\\/11\\\/Gimna\\u0300s-Arqus-Sport-02.jpg&quot;,&quot;title&quot;:&quot;Mur-rideau bomb\\u00e9 pour les nouvelles installations de ce gymnase&quot;}]\"><img decoding=\"async\" data-no-lazy=\"1\" class=\"portfolio-entry-img skip-lazy\" src=\"https:\/\/www.garciafaura.com\/wp-content\/uploads\/2018\/11\/Gimna\u0300s-Arqus-Sport-01-x.jpg\" alt=\"Mur-rideau Bomb\u00e9 Pour Les Nouvelles Installations De Ce Gymnase\" data-no-retina \/><\/a><\/div><div class=\"portfolio-entry-details entry-details wpex-clr\"><h2 class=\"portfolio-entry-title entry-title\"><a href=\"https:\/\/www.garciafaura.com\/fr\/portfolio-item\/gymnase-arqus-sport\/\" title=\"Gymnase Arqus Sport\">Gymnase Arqus Sport<\/a><\/h2><div class=\"portfolio-entry-categories entry-categories wpex-clr\"><a href=\"https:\/\/www.garciafaura.com\/fr\/portfolio-category\/batiments-de-services\/\" class=\"term-75\">B\u00e2timents de Services<\/a><\/div><\/div><\/div><\/div><div class=\"portfolio-entry vcex-grid-item entry-has-details span_1_of_3 col col-2 vcex-isotope-entry vcex-no-margin-entry post-20406 entry type-portfolio has-media cat-75 cat-92 cat-93 cat-95 translation_priority-5\"><div class=\"portfolio-entry-inner entry-inner wpex-clr\"><div class=\"portfolio-entry-media entry-media wpex-clr\"><a href=\"https:\/\/www.garciafaura.com\/wp-content\/uploads\/2018\/11\/Fira-de-Barcelona-00.jpg\" title=\"Foire de Barcelona Gran Via\" class=\"portfolio-entry-media-link wpex-lightbox-gallery\" data-gallery=\"[{&quot;src&quot;:&quot;https:\\\/\\\/www.garciafaura.com\\\/wp-content\\\/uploads\\\/2018\\\/11\\\/Fira-de-Barcelona-00.jpg&quot;,&quot;title&quot;:&quot;Mur-rideau et fermetures pour le pavillon de la Fira 2 con\\u00e7u par l&#039;architecte Toyo Ito&quot;},{&quot;src&quot;:&quot;https:\\\/\\\/www.garciafaura.com\\\/wp-content\\\/uploads\\\/2018\\\/11\\\/Fira-de-Barcelona-30.jpg&quot;,&quot;title&quot;:&quot;Mur cortina i tancaments del pavell\\u00f3 Fira 2 dissenyat per l&#039;arquitecte Toyo Ito&quot;},{&quot;src&quot;:&quot;https:\\\/\\\/www.garciafaura.com\\\/wp-content\\\/uploads\\\/2018\\\/11\\\/Fira-de-Barcelona-29.jpg&quot;,&quot;title&quot;:&quot;Mur cortina i tancaments del pavell\\u00f3 Fira 2 dissenyat per l&#039;arquitecte Toyo Ito&quot;},{&quot;src&quot;:&quot;https:\\\/\\\/www.garciafaura.com\\\/wp-content\\\/uploads\\\/2018\\\/11\\\/Fira-de-Barcelona-28.jpg&quot;,&quot;title&quot;:&quot;Mur cortina i tancaments del pavell\\u00f3 Fira 2 dissenyat per l&#039;arquitecte Toyo Ito&quot;},{&quot;src&quot;:&quot;https:\\\/\\\/www.garciafaura.com\\\/wp-content\\\/uploads\\\/2018\\\/11\\\/Fira-de-Barcelona-27.jpg&quot;,&quot;title&quot;:&quot;Mur cortina i tancaments del pavell\\u00f3 Fira 2 dissenyat per l&#039;arquitecte Toyo ItoMur cortina i tancaments del pavell\\u00f3 Fira 2 dissenyat per l&#039;arquitecte Toyo Ito&quot;},{&quot;src&quot;:&quot;https:\\\/\\\/www.garciafaura.com\\\/wp-content\\\/uploads\\\/2018\\\/11\\\/Fira-de-Barcelona-26.jpg&quot;,&quot;title&quot;:&quot;Mur cortina i tancaments del pavell\\u00f3 Fira 2 dissenyat per l&#039;arquitecte Toyo Ito&quot;},{&quot;src&quot;:&quot;https:\\\/\\\/www.garciafaura.com\\\/wp-content\\\/uploads\\\/2018\\\/11\\\/Fira-de-Barcelona-25.jpg&quot;,&quot;title&quot;:&quot;Mur cortina i tancaments del pavell\\u00f3 Fira 2 dissenyat per l&#039;arquitecte Toyo Ito&quot;},{&quot;src&quot;:&quot;https:\\\/\\\/www.garciafaura.com\\\/wp-content\\\/uploads\\\/2018\\\/11\\\/Fira-de-Barcelona-23.jpg&quot;,&quot;title&quot;:&quot;Mur cortina i tancaments del pavell\\u00f3 Fira 2 dissenyat per l&#039;arquitecte Toyo Ito&quot;},{&quot;src&quot;:&quot;https:\\\/\\\/www.garciafaura.com\\\/wp-content\\\/uploads\\\/2018\\\/11\\\/Fira-de-Barcelona-24.jpg&quot;,&quot;title&quot;:&quot;Mur cortina i tancaments del pavell\\u00f3 Fira 2 dissenyat per l&#039;arquitecte Toyo Ito&quot;},{&quot;src&quot;:&quot;https:\\\/\\\/www.garciafaura.com\\\/wp-content\\\/uploads\\\/2018\\\/11\\\/Fira-de-Barcelona-22.jpg&quot;,&quot;title&quot;:&quot;Mur cortina i tancaments del pavell\\u00f3 Fira 2 dissenyat per l&#039;arquitecte Toyo Ito&quot;},{&quot;src&quot;:&quot;https:\\\/\\\/www.garciafaura.com\\\/wp-content\\\/uploads\\\/2018\\\/11\\\/Fira-de-Barcelona-21.jpg&quot;,&quot;title&quot;:&quot;Mur cortina i tancaments del pavell\\u00f3 Fira 2 dissenyat per l&#039;arquitecte Toyo Ito&quot;},{&quot;src&quot;:&quot;https:\\\/\\\/www.garciafaura.com\\\/wp-content\\\/uploads\\\/2018\\\/11\\\/Fira-de-Barcelona-20.jpg&quot;,&quot;title&quot;:&quot;Mur cortina i tancaments del pavell\\u00f3 Fira 2 dissenyat per l&#039;arquitecte Toyo Ito&quot;},{&quot;src&quot;:&quot;https:\\\/\\\/www.garciafaura.com\\\/wp-content\\\/uploads\\\/2018\\\/11\\\/Fira-de-Barcelona-19.jpg&quot;,&quot;title&quot;:&quot;Mur cortina i tancaments del pavell\\u00f3 Fira 2 dissenyat per l&#039;arquitecte Toyo Ito&quot;},{&quot;src&quot;:&quot;https:\\\/\\\/www.garciafaura.com\\\/wp-content\\\/uploads\\\/2018\\\/11\\\/Fira-de-Barcelona-18.jpg&quot;,&quot;title&quot;:&quot;Mur cortina i tancaments del pavell\\u00f3 Fira 2 dissenyat per l&#039;arquitecte Toyo Ito&quot;},{&quot;src&quot;:&quot;https:\\\/\\\/www.garciafaura.com\\\/wp-content\\\/uploads\\\/2018\\\/11\\\/Fira-de-Barcelona-17.jpg&quot;,&quot;title&quot;:&quot;Mur cortina i tancaments del pavell\\u00f3 Fira 2 dissenyat per l&#039;arquitecte Toyo Ito&quot;},{&quot;src&quot;:&quot;https:\\\/\\\/www.garciafaura.com\\\/wp-content\\\/uploads\\\/2018\\\/11\\\/Fira-de-Barcelona-16.jpg&quot;,&quot;title&quot;:&quot;Mur cortina i tancaments del pavell\\u00f3 Fira 2 dissenyat per l&#039;arquitecte Toyo Ito&quot;},{&quot;src&quot;:&quot;https:\\\/\\\/www.garciafaura.com\\\/wp-content\\\/uploads\\\/2018\\\/11\\\/Fira-de-Barcelona-15.jpg&quot;,&quot;title&quot;:&quot;Mur cortina i tancaments del pavell\\u00f3 Fira 2 dissenyat per l&#039;arquitecte Toyo Ito&quot;},{&quot;src&quot;:&quot;https:\\\/\\\/www.garciafaura.com\\\/wp-content\\\/uploads\\\/2018\\\/11\\\/Fira-de-Barcelona-14.jpg&quot;,&quot;title&quot;:&quot;Mur cortina i tancaments del pavell\\u00f3 Fira 2 dissenyat per l&#039;arquitecte Toyo Ito&quot;},{&quot;src&quot;:&quot;https:\\\/\\\/www.garciafaura.com\\\/wp-content\\\/uploads\\\/2018\\\/11\\\/Fira-de-Barcelona-13.jpg&quot;,&quot;title&quot;:&quot;Mur cortina i tancaments del pavell\\u00f3 Fira 2 dissenyat per l&#039;arquitecte Toyo Ito&quot;},{&quot;src&quot;:&quot;https:\\\/\\\/www.garciafaura.com\\\/wp-content\\\/uploads\\\/2018\\\/11\\\/Fira-de-Barcelona-12.jpg&quot;,&quot;title&quot;:&quot;Mur cortina i tancaments del pavell\\u00f3 Fira 2 dissenyat per l&#039;arquitecte Toyo Ito&quot;},{&quot;src&quot;:&quot;https:\\\/\\\/www.garciafaura.com\\\/wp-content\\\/uploads\\\/2018\\\/11\\\/Fira-de-Barcelona-11.jpg&quot;,&quot;title&quot;:&quot;Mur cortina i tancaments del pavell\\u00f3 Fira 2 dissenyat per l&#039;arquitecte Toyo Ito&quot;},{&quot;src&quot;:&quot;https:\\\/\\\/www.garciafaura.com\\\/wp-content\\\/uploads\\\/2018\\\/11\\\/Fira-de-Barcelona-10.jpg&quot;,&quot;title&quot;:&quot;Mur cortina i tancaments del pavell\\u00f3 Fira 2 dissenyat per l&#039;arquitecte Toyo Ito&quot;},{&quot;src&quot;:&quot;https:\\\/\\\/www.garciafaura.com\\\/wp-content\\\/uploads\\\/2018\\\/11\\\/Fira-de-Barcelona-09.jpg&quot;,&quot;title&quot;:&quot;Mur cortina i tancaments del pavell\\u00f3 Fira 2 dissenyat per l&#039;arquitecte Toyo Ito&quot;},{&quot;src&quot;:&quot;https:\\\/\\\/www.garciafaura.com\\\/wp-content\\\/uploads\\\/2018\\\/11\\\/Fira-de-Barcelona-07.jpg&quot;,&quot;title&quot;:&quot;Mur cortina i tancaments del pavell\\u00f3 Fira 2 dissenyat per l&#039;arquitecte Toyo Ito&quot;},{&quot;src&quot;:&quot;https:\\\/\\\/www.garciafaura.com\\\/wp-content\\\/uploads\\\/2018\\\/11\\\/Fira-de-Barcelona-08.jpg&quot;,&quot;title&quot;:&quot;Mur cortina i tancaments del pavell\\u00f3 Fira 2 dissenyat per l&#039;arquitecte Toyo Ito&quot;},{&quot;src&quot;:&quot;https:\\\/\\\/www.garciafaura.com\\\/wp-content\\\/uploads\\\/2018\\\/11\\\/Fira-de-Barcelona-06.jpg&quot;,&quot;title&quot;:&quot;Mur cortina i tancaments del pavell\\u00f3 Fira 2 dissenyat per l&#039;arquitecte Toyo Ito&quot;},{&quot;src&quot;:&quot;https:\\\/\\\/www.garciafaura.com\\\/wp-content\\\/uploads\\\/2018\\\/11\\\/Fira-de-Barcelona-05.jpg&quot;,&quot;title&quot;:&quot;Mur cortina i tancaments del pavell\\u00f3 Fira 2 dissenyat per l&#039;arquitecte Toyo Ito&quot;},{&quot;src&quot;:&quot;https:\\\/\\\/www.garciafaura.com\\\/wp-content\\\/uploads\\\/2018\\\/11\\\/Fira-de-Barcelona-04.jpg&quot;,&quot;title&quot;:&quot;Mur cortina i tancaments del pavell\\u00f3 Fira 2 dissenyat per l&#039;arquitecte Toyo Ito&quot;},{&quot;src&quot;:&quot;https:\\\/\\\/www.garciafaura.com\\\/wp-content\\\/uploads\\\/2018\\\/11\\\/Fira-de-Barcelona-03.jpg&quot;,&quot;title&quot;:&quot;Mur cortina i tancaments del pavell\\u00f3 Fira 2 dissenyat per l&#039;arquitecte Toyo Ito&quot;},{&quot;src&quot;:&quot;https:\\\/\\\/www.garciafaura.com\\\/wp-content\\\/uploads\\\/2018\\\/11\\\/Fira-de-Barcelona-02.jpg&quot;,&quot;title&quot;:&quot;Mur cortina i tancaments del pavell\\u00f3 Fira 2 dissenyat per l&#039;arquitecte Toyo Ito&quot;},{&quot;src&quot;:&quot;https:\\\/\\\/www.garciafaura.com\\\/wp-content\\\/uploads\\\/2018\\\/11\\\/Fira-de-Barcelona-01.jpg&quot;,&quot;title&quot;:&quot;Mur cortina i tancaments del pavell\\u00f3 Fira 2 dissenyat per l&#039;arquitecte Toyo Ito&quot;}]\"><img loading=\"lazy\" decoding=\"async\" data-no-lazy=\"1\" class=\"portfolio-entry-img skip-lazy\" src=\"https:\/\/www.garciafaura.com\/wp-content\/uploads\/2018\/11\/Fira-de-Barcelona-00-600x314.jpg\" alt=\"Mur-rideau Et Fermetures Pour Le Pavillon De La Fira 2 Con\u00e7u Par L'architecte Toyo Ito\" data-no-retina width=\"600\" height=\"314\" \/><\/a><\/div><div class=\"portfolio-entry-details entry-details wpex-clr\"><h2 class=\"portfolio-entry-title entry-title\"><a href=\"https:\/\/www.garciafaura.com\/fr\/portfolio-item\/foire-de-barcelona-gran-via\/\" title=\"Foire de Barcelona Gran Via\">Foire de Barcelona Gran Via<\/a><\/h2><div class=\"portfolio-entry-categories entry-categories wpex-clr\"><a href=\"https:\/\/www.garciafaura.com\/fr\/portfolio-category\/batiments-de-services\/\" class=\"term-75\">B\u00e2timents de Services<\/a><\/div><\/div><\/div><\/div><div class=\"portfolio-entry vcex-grid-item entry-has-details span_1_of_3 col col-3 vcex-isotope-entry vcex-no-margin-entry post-20398 entry type-portfolio has-media cat-75 translation_priority-5\"><div class=\"portfolio-entry-inner entry-inner wpex-clr\"><div class=\"portfolio-entry-media entry-media wpex-clr\"><a href=\"https:\/\/www.garciafaura.com\/wp-content\/uploads\/2018\/11\/Piscina-Espanya-Industrial-04.jpg\" title=\"Piscine Espa\u00f1a Industrial\" class=\"portfolio-entry-media-link wpex-lightbox-gallery\" data-gallery=\"[{&quot;src&quot;:&quot;https:\\\/\\\/www.garciafaura.com\\\/wp-content\\\/uploads\\\/2018\\\/11\\\/Piscina-Espanya-Industrial-04.jpg&quot;,&quot;title&quot;:&quot;Ensemble de fermetures pour la nouvelle piscine du Parque de la Espa\\u00f1a Industrial de Barcelone&quot;},{&quot;src&quot;:&quot;https:\\\/\\\/www.garciafaura.com\\\/wp-content\\\/uploads\\\/2018\\\/11\\\/Piscina-Espanya-Industrial-03.jpg&quot;,&quot;title&quot;:&quot;Conjunt de tancaments de la nova piscina del Parc de l&#039;Espanya Industrial de Barcelona&quot;},{&quot;src&quot;:&quot;https:\\\/\\\/www.garciafaura.com\\\/wp-content\\\/uploads\\\/2018\\\/11\\\/Piscina-Espanya-Industrial-02.jpg&quot;,&quot;title&quot;:&quot;Conjunt de tancaments de la nova piscina del Parc de l&#039;Espanya Industrial de Barcelona&quot;},{&quot;src&quot;:&quot;https:\\\/\\\/www.garciafaura.com\\\/wp-content\\\/uploads\\\/2018\\\/11\\\/Piscina-Espanya-Industrial-01.jpg&quot;,&quot;title&quot;:&quot;Conjunt de tancaments de la nova piscina del Parc de l&#039;Espanya Industrial de Barcelona&quot;}]\"><img decoding=\"async\" data-no-lazy=\"1\" class=\"portfolio-entry-img skip-lazy\" src=\"https:\/\/www.garciafaura.com\/wp-content\/uploads\/2018\/11\/Piscina-Espanya-Industrial-04-x.jpg\" alt=\"Ensemble De Fermetures Pour La Nouvelle Piscine Du Parque De La Espa\u00f1a Industrial De Barcelone\" data-no-retina \/><\/a><\/div><div class=\"portfolio-entry-details entry-details wpex-clr\"><h2 class=\"portfolio-entry-title entry-title\"><a href=\"https:\/\/www.garciafaura.com\/fr\/portfolio-item\/piscine-espana-industrial\/\" title=\"Piscine Espa\u00f1a Industrial\">Piscine Espa\u00f1a Industrial<\/a><\/h2><div class=\"portfolio-entry-categories entry-categories wpex-clr\"><a href=\"https:\/\/www.garciafaura.com\/fr\/portfolio-category\/batiments-de-services\/\" class=\"term-75\">B\u00e2timents de Services<\/a><\/div><\/div><\/div><\/div><div class=\"portfolio-entry vcex-grid-item entry-has-details span_1_of_3 col col-1 vcex-isotope-entry vcex-no-margin-entry post-20397 entry type-portfolio has-media cat-75 cat-93 translation_priority-5\"><div class=\"portfolio-entry-inner entry-inner wpex-clr\"><div class=\"portfolio-entry-media entry-media wpex-clr\"><a href=\"https:\/\/www.garciafaura.com\/wp-content\/uploads\/2018\/11\/BMW-Tarragona-01.jpg\" title=\"BMW Tarragona\" class=\"portfolio-entry-media-link wpex-lightbox-gallery\" data-gallery=\"[{&quot;src&quot;:&quot;https:\\\/\\\/www.garciafaura.com\\\/wp-content\\\/uploads\\\/2018\\\/11\\\/BMW-Tarragona-01.jpg&quot;,&quot;title&quot;:&quot;Nouveau concessionnaire de la marque BMW \\u00e0 Tarragona&quot;},{&quot;src&quot;:&quot;https:\\\/\\\/www.garciafaura.com\\\/wp-content\\\/uploads\\\/2018\\\/11\\\/BMW-Tarragona-07.jpg&quot;,&quot;title&quot;:&quot;Nou concessionari de la marca BMW a Tarragona&quot;},{&quot;src&quot;:&quot;https:\\\/\\\/www.garciafaura.com\\\/wp-content\\\/uploads\\\/2018\\\/11\\\/BMW-Tarragona-06.jpg&quot;,&quot;title&quot;:&quot;Nou concessionari de la marca BMW a Tarragona&quot;},{&quot;src&quot;:&quot;https:\\\/\\\/www.garciafaura.com\\\/wp-content\\\/uploads\\\/2018\\\/11\\\/BMW-Tarragona-05.jpg&quot;,&quot;title&quot;:&quot;Nou concessionari de la marca BMW a Tarragona&quot;},{&quot;src&quot;:&quot;https:\\\/\\\/www.garciafaura.com\\\/wp-content\\\/uploads\\\/2018\\\/11\\\/BMW-Tarragona-04.jpg&quot;,&quot;title&quot;:&quot;Nou concessionari de la marca BMW a Tarragona&quot;},{&quot;src&quot;:&quot;https:\\\/\\\/www.garciafaura.com\\\/wp-content\\\/uploads\\\/2018\\\/11\\\/BMW-Tarragona-03.jpg&quot;,&quot;title&quot;:&quot;Nou concessionari de la marca BMW a Tarragona&quot;},{&quot;src&quot;:&quot;https:\\\/\\\/www.garciafaura.com\\\/wp-content\\\/uploads\\\/2018\\\/11\\\/BMW-Tarragona-02.jpg&quot;,&quot;title&quot;:&quot;Nou concessionari de la marca BMW a Tarragona&quot;}]\"><img loading=\"lazy\" decoding=\"async\" data-no-lazy=\"1\" class=\"portfolio-entry-img skip-lazy\" src=\"https:\/\/www.garciafaura.com\/wp-content\/uploads\/2018\/11\/BMW-Tarragona-01-600x314.jpg\" alt=\"Nouveau Concessionnaire De La Marque BMW \u00e0 Tarragona\" data-no-retina width=\"600\" height=\"314\" \/><\/a><\/div><div class=\"portfolio-entry-details entry-details wpex-clr\"><h2 class=\"portfolio-entry-title entry-title\"><a href=\"https:\/\/www.garciafaura.com\/fr\/portfolio-item\/bmw-tarragona\/\" title=\"BMW Tarragona\">BMW Tarragona<\/a><\/h2><div class=\"portfolio-entry-categories entry-categories wpex-clr\"><a href=\"https:\/\/www.garciafaura.com\/fr\/portfolio-category\/batiments-de-services\/\" class=\"term-75\">B\u00e2timents de Services<\/a><\/div><\/div><\/div><\/div><div class=\"portfolio-entry vcex-grid-item entry-has-details span_1_of_3 col col-2 vcex-isotope-entry vcex-no-margin-entry post-20395 entry type-portfolio has-media cat-75 cat-92 translation_priority-5\"><div class=\"portfolio-entry-inner entry-inner wpex-clr\"><div class=\"portfolio-entry-media entry-media wpex-clr\"><a href=\"https:\/\/www.garciafaura.com\/wp-content\/uploads\/2019\/03\/CiutatJusticia.jpg\" title=\"Ville de la Justice de Barcelone\" class=\"portfolio-entry-media-link wpex-lightbox-gallery\" data-gallery=\"[{&quot;src&quot;:&quot;https:\\\/\\\/www.garciafaura.com\\\/wp-content\\\/uploads\\\/2019\\\/03\\\/CiutatJusticia.jpg&quot;},{&quot;src&quot;:&quot;https:\\\/\\\/www.garciafaura.com\\\/wp-content\\\/uploads\\\/2018\\\/11\\\/Ciutat-de-la-Justi\\u0301cia-16.jpg&quot;,&quot;title&quot;:&quot;M\\u00e9s de 12.000 finestres per al complex judicial dissenyat per David Chipperfield&quot;},{&quot;src&quot;:&quot;https:\\\/\\\/www.garciafaura.com\\\/wp-content\\\/uploads\\\/2018\\\/11\\\/Ciutat-de-la-Justi\\u0301cia-15.jpg&quot;,&quot;title&quot;:&quot;M\\u00e9s de 12.000 finestres per al complex judicial dissenyat per David Chipperfield&quot;},{&quot;src&quot;:&quot;https:\\\/\\\/www.garciafaura.com\\\/wp-content\\\/uploads\\\/2018\\\/11\\\/Ciutat-de-la-Justi\\u0301cia-14.jpg&quot;,&quot;title&quot;:&quot;M\\u00e9s de 12.000 finestres per al complex judicial dissenyat per David Chipperfield&quot;},{&quot;src&quot;:&quot;https:\\\/\\\/www.garciafaura.com\\\/wp-content\\\/uploads\\\/2018\\\/11\\\/Ciutat-de-la-Justi\\u0301cia-13.jpg&quot;,&quot;title&quot;:&quot;M\\u00e9s de 12.000 finestres per al complex judicial dissenyat per David Chipperfield&quot;},{&quot;src&quot;:&quot;https:\\\/\\\/www.garciafaura.com\\\/wp-content\\\/uploads\\\/2018\\\/11\\\/Ciutat-de-la-Justi\\u0301cia-12.jpg&quot;,&quot;title&quot;:&quot;M\\u00e9s de 12.000 finestres per al complex judicial dissenyat per David Chipperfield&quot;},{&quot;src&quot;:&quot;https:\\\/\\\/www.garciafaura.com\\\/wp-content\\\/uploads\\\/2018\\\/11\\\/Ciutat-de-la-Justi\\u0301cia-11.jpg&quot;,&quot;title&quot;:&quot;Plus de 12 000 fen\\u00eatres pour le complexe judiciaire con\\u00e7u par David Chipperfield&quot;},{&quot;src&quot;:&quot;https:\\\/\\\/www.garciafaura.com\\\/wp-content\\\/uploads\\\/2018\\\/11\\\/Ciutat-de-la-Justi\\u0301cia-10.jpg&quot;,&quot;title&quot;:&quot;M\\u00e9s de 12.000 finestres per al complex judicial dissenyat per David Chipperfield&quot;},{&quot;src&quot;:&quot;https:\\\/\\\/www.garciafaura.com\\\/wp-content\\\/uploads\\\/2018\\\/11\\\/Ciutat-de-la-Justi\\u0301cia-09.jpg&quot;,&quot;title&quot;:&quot;M\\u00e9s de 12.000 finestres per al complex judicial dissenyat per David Chipperfield&quot;},{&quot;src&quot;:&quot;https:\\\/\\\/www.garciafaura.com\\\/wp-content\\\/uploads\\\/2018\\\/11\\\/Ciutat-de-la-Justi\\u0301cia-08.jpg&quot;,&quot;title&quot;:&quot;M\\u00e9s de 12.000 finestres per al complex judicial dissenyat per David Chipperfield&quot;},{&quot;src&quot;:&quot;https:\\\/\\\/www.garciafaura.com\\\/wp-content\\\/uploads\\\/2018\\\/11\\\/Ciutat-de-la-Justi\\u0301cia-07.jpg&quot;,&quot;title&quot;:&quot;M\\u00e9s de 12.000 finestres per al complex judicial dissenyat per David Chipperfield&quot;},{&quot;src&quot;:&quot;https:\\\/\\\/www.garciafaura.com\\\/wp-content\\\/uploads\\\/2018\\\/11\\\/Ciutat-de-la-Justi\\u0301cia-06.jpg&quot;,&quot;title&quot;:&quot;M\\u00e9s de 12.000 finestres per al complex judicial dissenyat per David Chipperfield&quot;},{&quot;src&quot;:&quot;https:\\\/\\\/www.garciafaura.com\\\/wp-content\\\/uploads\\\/2018\\\/11\\\/Ciutat-de-la-Justi\\u0301cia-05.jpg&quot;,&quot;title&quot;:&quot;M\\u00e9s de 12.000 finestres per al complex judicial dissenyat per David Chipperfield&quot;},{&quot;src&quot;:&quot;https:\\\/\\\/www.garciafaura.com\\\/wp-content\\\/uploads\\\/2018\\\/11\\\/Ciutat-de-la-Justi\\u0301cia-04.jpg&quot;,&quot;title&quot;:&quot;M\\u00e9s de 12.000 finestres per al complex judicial dissenyat per David Chipperfield&quot;},{&quot;src&quot;:&quot;https:\\\/\\\/www.garciafaura.com\\\/wp-content\\\/uploads\\\/2018\\\/11\\\/Ciutat-de-la-Justi\\u0301cia-03.jpg&quot;,&quot;title&quot;:&quot;M\\u00e9s de 12.000 finestres per al complex judicial dissenyat per David Chipperfield&quot;},{&quot;src&quot;:&quot;https:\\\/\\\/www.garciafaura.com\\\/wp-content\\\/uploads\\\/2018\\\/11\\\/Ciutat-de-la-Justi\\u0301cia-02.jpg&quot;,&quot;title&quot;:&quot;M\\u00e9s de 12.000 finestres per al complex judicial dissenyat per David Chipperfield&quot;},{&quot;src&quot;:&quot;https:\\\/\\\/www.garciafaura.com\\\/wp-content\\\/uploads\\\/2018\\\/11\\\/Ciutat-de-la-Justi\\u0301cia-01.jpg&quot;,&quot;title&quot;:&quot;M\\u00e9s de 12.000 finestres per al complex judicial dissenyat per David Chipperfield&quot;}]\"><img loading=\"lazy\" decoding=\"async\" data-no-lazy=\"1\" class=\"portfolio-entry-img skip-lazy\" src=\"https:\/\/www.garciafaura.com\/wp-content\/uploads\/2019\/03\/CiutatJusticia-600x314.jpg\" alt='' data-no-retina width=\"600\" height=\"314\" \/><\/a><\/div><div class=\"portfolio-entry-details entry-details wpex-clr\"><h2 class=\"portfolio-entry-title entry-title\"><a href=\"https:\/\/www.garciafaura.com\/fr\/portfolio-item\/ville-de-la-justice-de-barcelone\/\" title=\"Ville de la Justice de Barcelone\">Ville de la Justice de Barcelone<\/a><\/h2><div class=\"portfolio-entry-categories entry-categories wpex-clr\"><a href=\"https:\/\/www.garciafaura.com\/fr\/portfolio-category\/batiments-de-services\/\" class=\"term-75\">B\u00e2timents de Services<\/a><\/div><\/div><\/div><\/div><div class=\"portfolio-entry vcex-grid-item entry-has-details span_1_of_3 col col-3 vcex-isotope-entry vcex-no-margin-entry post-20390 entry type-portfolio has-media cat-75 translation_priority-5\"><div class=\"portfolio-entry-inner entry-inner wpex-clr\"><div class=\"portfolio-entry-media entry-media wpex-clr\"><a href=\"https:\/\/www.garciafaura.com\/wp-content\/uploads\/2018\/11\/Centre-Esportiu-Sant-Celoni-01.jpg\" title=\"Centre de Sports de Sant Celoni\" class=\"portfolio-entry-media-link wpex-lightbox-gallery\" data-gallery=\"[{&quot;src&quot;:&quot;https:\\\/\\\/www.garciafaura.com\\\/wp-content\\\/uploads\\\/2018\\\/11\\\/Centre-Esportiu-Sant-Celoni-01.jpg&quot;,&quot;title&quot;:&quot;Architecture en aluminium et verre pour le centre de sports municipal Sot de les Granotes&quot;},{&quot;src&quot;:&quot;https:\\\/\\\/www.garciafaura.com\\\/wp-content\\\/uploads\\\/2018\\\/11\\\/Centre-Esportiu-Sant-Celoni-10.jpg&quot;,&quot;title&quot;:&quot;Arquitectura en alumini i vidre del centre municipal d&#039;esports Sot de les Granotes&quot;},{&quot;src&quot;:&quot;https:\\\/\\\/www.garciafaura.com\\\/wp-content\\\/uploads\\\/2018\\\/11\\\/Centre-Esportiu-Sant-Celoni-09.jpg&quot;,&quot;title&quot;:&quot;Arquitectura en alumini i vidre del centre municipal d&#039;esports Sot de les Granotes&quot;},{&quot;src&quot;:&quot;https:\\\/\\\/www.garciafaura.com\\\/wp-content\\\/uploads\\\/2018\\\/11\\\/Centre-Esportiu-Sant-Celoni-08.jpg&quot;,&quot;title&quot;:&quot;Arquitectura en alumini i vidre del centre municipal d&#039;esports Sot de les Granotes&quot;},{&quot;src&quot;:&quot;https:\\\/\\\/www.garciafaura.com\\\/wp-content\\\/uploads\\\/2018\\\/11\\\/Centre-Esportiu-Sant-Celoni-07.jpg&quot;,&quot;title&quot;:&quot;Arquitectura en alumini i vidre del centre municipal d&#039;esports Sot de les Granotes&quot;},{&quot;src&quot;:&quot;https:\\\/\\\/www.garciafaura.com\\\/wp-content\\\/uploads\\\/2018\\\/11\\\/Centre-Esportiu-Sant-Celoni-06.jpg&quot;,&quot;title&quot;:&quot;Arquitectura en alumini i vidre del centre municipal d&#039;esports Sot de les Granotes&quot;},{&quot;src&quot;:&quot;https:\\\/\\\/www.garciafaura.com\\\/wp-content\\\/uploads\\\/2018\\\/11\\\/Centre-Esportiu-Sant-Celoni-05.jpg&quot;,&quot;title&quot;:&quot;Arquitectura en alumini i vidre del centre municipal d&#039;esports Sot de les GranotesArquitectura en alumini i vidre del centre municipal d&#039;esports Sot de les Granotes&quot;},{&quot;src&quot;:&quot;https:\\\/\\\/www.garciafaura.com\\\/wp-content\\\/uploads\\\/2018\\\/11\\\/Centre-Esportiu-Sant-Celoni-04.jpg&quot;,&quot;title&quot;:&quot;Arquitectura en alumini i vidre del centre municipal d&#039;esports Sot de les Granotes&quot;},{&quot;src&quot;:&quot;https:\\\/\\\/www.garciafaura.com\\\/wp-content\\\/uploads\\\/2018\\\/11\\\/Centre-Esportiu-Sant-Celoni-03.jpg&quot;,&quot;title&quot;:&quot;Arquitectura en alumini i vidre del centre municipal d&#039;esports Sot de les Granotes&quot;},{&quot;src&quot;:&quot;https:\\\/\\\/www.garciafaura.com\\\/wp-content\\\/uploads\\\/2018\\\/11\\\/Centre-Esportiu-Sant-Celoni-02.jpg&quot;,&quot;title&quot;:&quot;Arquitectura en alumini i vidre del centre municipal d&#039;esports Sot de les Granotes&quot;}]\"><img decoding=\"async\" data-no-lazy=\"1\" class=\"portfolio-entry-img skip-lazy\" src=\"https:\/\/www.garciafaura.com\/wp-content\/uploads\/2018\/11\/Centre-Esportiu-Sant-Celoni-01-x.jpg\" alt=\"Architecture En Aluminium Et Verre Pour Le Centre De Sports Municipal Sot De Les Granotes\" data-no-retina \/><\/a><\/div><div class=\"portfolio-entry-details entry-details wpex-clr\"><h2 class=\"portfolio-entry-title entry-title\"><a href=\"https:\/\/www.garciafaura.com\/fr\/portfolio-item\/centre-de-sports-de-sant-celoni\/\" title=\"Centre de Sports de Sant Celoni\">Centre de Sports de Sant Celoni<\/a><\/h2><div class=\"portfolio-entry-categories entry-categories wpex-clr\"><a href=\"https:\/\/www.garciafaura.com\/fr\/portfolio-category\/batiments-de-services\/\" class=\"term-75\">B\u00e2timents de Services<\/a><\/div><\/div><\/div><\/div><div class=\"portfolio-entry vcex-grid-item entry-has-details span_1_of_3 col col-1 vcex-isotope-entry vcex-no-margin-entry post-20389 entry type-portfolio has-media cat-75 translation_priority-5\"><div class=\"portfolio-entry-inner entry-inner wpex-clr\"><div class=\"portfolio-entry-media entry-media wpex-clr\"><a href=\"https:\/\/www.garciafaura.com\/wp-content\/uploads\/2018\/11\/Piscina-Municipal-Tiana-06.jpg\" title=\"Piscine Municipale de Tiana\" class=\"portfolio-entry-media-link wpex-lightbox-gallery\" data-gallery=\"[{&quot;src&quot;:&quot;https:\\\/\\\/www.garciafaura.com\\\/wp-content\\\/uploads\\\/2018\\\/11\\\/Piscina-Municipal-Tiana-06.jpg&quot;,&quot;title&quot;:&quot;Architecture en aluminium pour le centre de sports municipal Jordi Mar\\u00ed de Tiana&quot;},{&quot;src&quot;:&quot;https:\\\/\\\/www.garciafaura.com\\\/wp-content\\\/uploads\\\/2018\\\/11\\\/Piscina-Municipal-Tiana-05.jpg&quot;,&quot;title&quot;:&quot;Arquitectura en alumini del centre esportiu municipal Jordi Mar\\u00ed de Tiana&quot;},{&quot;src&quot;:&quot;https:\\\/\\\/www.garciafaura.com\\\/wp-content\\\/uploads\\\/2018\\\/11\\\/Piscina-Municipal-Tiana-04.jpg&quot;,&quot;title&quot;:&quot;Arquitectura en alumini del centre esportiu municipal Jordi Mar\\u00ed de Tiana&quot;},{&quot;src&quot;:&quot;https:\\\/\\\/www.garciafaura.com\\\/wp-content\\\/uploads\\\/2018\\\/11\\\/Piscina-Municipal-Tiana-03.jpg&quot;,&quot;title&quot;:&quot;Arquitectura en alumini del centre esportiu municipal Jordi Mar\\u00ed de Tiana&quot;},{&quot;src&quot;:&quot;https:\\\/\\\/www.garciafaura.com\\\/wp-content\\\/uploads\\\/2018\\\/11\\\/Piscina-Municipal-Tiana-02.jpg&quot;,&quot;title&quot;:&quot;Arquitectura en alumini del centre esportiu municipal Jordi Mar\\u00ed de Tiana&quot;},{&quot;src&quot;:&quot;https:\\\/\\\/www.garciafaura.com\\\/wp-content\\\/uploads\\\/2018\\\/11\\\/Piscina-Municipal-Tiana-01.jpg&quot;,&quot;title&quot;:&quot;Arquitectura en alumini del centre esportiu municipal Jordi Mar\\u00ed de Tiana&quot;}]\"><img decoding=\"async\" data-no-lazy=\"1\" class=\"portfolio-entry-img skip-lazy\" src=\"https:\/\/www.garciafaura.com\/wp-content\/uploads\/2018\/11\/Piscina-Municipal-Tiana-06-x.jpg\" alt=\"Architecture En Aluminium Pour Le Centre De Sports Municipal Jordi Mar\u00ed De Tiana\" data-no-retina \/><\/a><\/div><div class=\"portfolio-entry-details entry-details wpex-clr\"><h2 class=\"portfolio-entry-title entry-title\"><a href=\"https:\/\/www.garciafaura.com\/fr\/portfolio-item\/piscine-municipale-de-tiana\/\" title=\"Piscine Municipale de Tiana\">Piscine Municipale de Tiana<\/a><\/h2><div class=\"portfolio-entry-categories entry-categories wpex-clr\"><a href=\"https:\/\/www.garciafaura.com\/fr\/portfolio-category\/batiments-de-services\/\" class=\"term-75\">B\u00e2timents de Services<\/a><\/div><\/div><\/div><\/div><div class=\"portfolio-entry vcex-grid-item entry-has-details span_1_of_3 col col-2 vcex-isotope-entry vcex-no-margin-entry post-20366 entry type-portfolio has-media cat-75 translation_priority-5\"><div class=\"portfolio-entry-inner entry-inner wpex-clr\"><div class=\"portfolio-entry-media entry-media wpex-clr\"><a href=\"https:\/\/www.garciafaura.com\/wp-content\/uploads\/2018\/11\/Centre-Penitenciari-Lledoners-02.jpg\" title=\"Centre P\u00e9nitentiaire Lledoners\" class=\"portfolio-entry-media-link wpex-lightbox-gallery\" data-gallery=\"[{&quot;src&quot;:&quot;https:\\\/\\\/www.garciafaura.com\\\/wp-content\\\/uploads\\\/2018\\\/11\\\/Centre-Penitenciari-Lledoners-01.jpg&quot;,&quot;title&quot;:&quot;Conjunt de tancaments interiors i exteriors del centre penitenciari de\\u00a0Manresa&quot;},{&quot;src&quot;:&quot;https:\\\/\\\/www.garciafaura.com\\\/wp-content\\\/uploads\\\/2018\\\/11\\\/Centre-Penitenciari-Lledoners-16.jpg&quot;,&quot;title&quot;:&quot;Conjunt de tancaments interiors i exteriors del centre penitenciari de\\u00a0ManresaConjunt de tancaments interiors i exteriors del centre penitenciari de\\u00a0Manresa&quot;},{&quot;src&quot;:&quot;https:\\\/\\\/www.garciafaura.com\\\/wp-content\\\/uploads\\\/2018\\\/11\\\/Centre-Penitenciari-Lledoners-15.jpg&quot;,&quot;title&quot;:&quot;Conjunt de tancaments interiors i exteriors del centre penitenciari de\\u00a0Manresa&quot;},{&quot;src&quot;:&quot;https:\\\/\\\/www.garciafaura.com\\\/wp-content\\\/uploads\\\/2018\\\/11\\\/Centre-Penitenciari-Lledoners-14.jpg&quot;,&quot;title&quot;:&quot;Conjunt de tancaments interiors i exteriors del centre penitenciari de\\u00a0Manresa&quot;},{&quot;src&quot;:&quot;https:\\\/\\\/www.garciafaura.com\\\/wp-content\\\/uploads\\\/2018\\\/11\\\/Centre-Penitenciari-Lledoners-13.jpg&quot;,&quot;title&quot;:&quot;Conjunt de tancaments interiors i exteriors del centre penitenciari de\\u00a0Manresa&quot;},{&quot;src&quot;:&quot;https:\\\/\\\/www.garciafaura.com\\\/wp-content\\\/uploads\\\/2018\\\/11\\\/Centre-Penitenciari-Lledoners-12.jpg&quot;,&quot;title&quot;:&quot;Conjunt de tancaments interiors i exteriors del centre penitenciari de\\u00a0Manresa&quot;},{&quot;src&quot;:&quot;https:\\\/\\\/www.garciafaura.com\\\/wp-content\\\/uploads\\\/2018\\\/11\\\/Centre-Penitenciari-Lledoners-11.jpg&quot;,&quot;title&quot;:&quot;Conjunt de tancaments interiors i exteriors del centre penitenciari de\\u00a0Manresa&quot;},{&quot;src&quot;:&quot;https:\\\/\\\/www.garciafaura.com\\\/wp-content\\\/uploads\\\/2018\\\/11\\\/Centre-Penitenciari-Lledoners-10.jpg&quot;,&quot;title&quot;:&quot;Conjunt de tancaments interiors i exteriors del centre penitenciari de\\u00a0Manresa&quot;},{&quot;src&quot;:&quot;https:\\\/\\\/www.garciafaura.com\\\/wp-content\\\/uploads\\\/2018\\\/11\\\/Centre-Penitenciari-Lledoners-09.jpg&quot;,&quot;title&quot;:&quot;Conjunt de tancaments interiors i exteriors del centre penitenciari de\\u00a0Manresa&quot;},{&quot;src&quot;:&quot;https:\\\/\\\/www.garciafaura.com\\\/wp-content\\\/uploads\\\/2018\\\/11\\\/Centre-Penitenciari-Lledoners-08.jpg&quot;,&quot;title&quot;:&quot;Conjunt de tancaments interiors i exteriors del centre penitenciari de\\u00a0Manresa&quot;},{&quot;src&quot;:&quot;https:\\\/\\\/www.garciafaura.com\\\/wp-content\\\/uploads\\\/2018\\\/11\\\/Centre-Penitenciari-Lledoners-07.jpg&quot;,&quot;title&quot;:&quot;Conjunt de tancaments interiors i exteriors del centre penitenciari de\\u00a0Manresa&quot;},{&quot;src&quot;:&quot;https:\\\/\\\/www.garciafaura.com\\\/wp-content\\\/uploads\\\/2018\\\/11\\\/Centre-Penitenciari-Lledoners-06.jpg&quot;,&quot;title&quot;:&quot;Conjunt de tancaments interiors i exteriors del centre penitenciari de\\u00a0Manresa&quot;},{&quot;src&quot;:&quot;https:\\\/\\\/www.garciafaura.com\\\/wp-content\\\/uploads\\\/2018\\\/11\\\/Centre-Penitenciari-Lledoners-05.jpg&quot;,&quot;title&quot;:&quot;Conjunt de tancaments interiors i exteriors del centre penitenciari de\\u00a0Manresa&quot;},{&quot;src&quot;:&quot;https:\\\/\\\/www.garciafaura.com\\\/wp-content\\\/uploads\\\/2018\\\/11\\\/Centre-Penitenciari-Lledoners-04.jpg&quot;,&quot;title&quot;:&quot;Conjunt de tancaments interiors i exteriors del centre penitenciari de\\u00a0Manresa&quot;},{&quot;src&quot;:&quot;https:\\\/\\\/www.garciafaura.com\\\/wp-content\\\/uploads\\\/2018\\\/11\\\/Centre-Penitenciari-Lledoners-03.jpg&quot;,&quot;title&quot;:&quot;Conjunt de tancaments interiors i exteriors del centre penitenciari de\\u00a0Manresa&quot;},{&quot;src&quot;:&quot;https:\\\/\\\/www.garciafaura.com\\\/wp-content\\\/uploads\\\/2018\\\/11\\\/Centre-Penitenciari-Lledoners-02.jpg&quot;,&quot;title&quot;:&quot;Ensemble de fermetures int\\u00e9rieures et ext\\u00e9rieures pour le Centre P\\u00e9nitentiaire de Manresa&quot;}]\"><img decoding=\"async\" data-no-lazy=\"1\" class=\"portfolio-entry-img skip-lazy\" src=\"https:\/\/www.garciafaura.com\/wp-content\/uploads\/2018\/11\/Centre-Penitenciari-Lledoners-02-x.jpg\" alt=\"Ensemble De Fermetures Int\u00e9rieures Et Ext\u00e9rieures Pour Le Centre P\u00e9nitentiaire De Manresa\" data-no-retina \/><\/a><\/div><div class=\"portfolio-entry-details entry-details wpex-clr\"><h2 class=\"portfolio-entry-title entry-title\"><a href=\"https:\/\/www.garciafaura.com\/fr\/portfolio-item\/centre-penitentiaire-lledoners\/\" title=\"Centre P\u00e9nitentiaire Lledoners\">Centre P\u00e9nitentiaire Lledoners<\/a><\/h2><div class=\"portfolio-entry-categories entry-categories wpex-clr\"><a href=\"https:\/\/www.garciafaura.com\/fr\/portfolio-category\/batiments-de-services\/\" class=\"term-75\">B\u00e2timents de Services<\/a><\/div><\/div><\/div><\/div><div class=\"portfolio-entry vcex-grid-item entry-has-details span_1_of_3 col col-3 vcex-isotope-entry vcex-no-margin-entry post-20364 entry type-portfolio has-media cat-75 translation_priority-5\"><div class=\"portfolio-entry-inner entry-inner wpex-clr\"><div class=\"portfolio-entry-media entry-media wpex-clr\"><a href=\"https:\/\/www.garciafaura.com\/wp-content\/uploads\/2018\/11\/Hospital-General-de-Sant-Boi-01.jpg\" title=\"H\u00f4pital G\u00e9n\u00e9ral de Sant Boi de Llobregat\" class=\"portfolio-entry-media-link wpex-lightbox-gallery\" data-gallery=\"[{&quot;src&quot;:&quot;https:\\\/\\\/www.garciafaura.com\\\/wp-content\\\/uploads\\\/2018\\\/11\\\/Hospital-General-de-Sant-Boi-01.jpg&quot;,&quot;title&quot;:&quot;Fabrication et installation de 6 murs-rideaux et 500 fen\\u00eatres pour le nouvel h\\u00f4pital g\\u00e9n\\u00e9ral m\\u00e9tropolitain&quot;},{&quot;src&quot;:&quot;https:\\\/\\\/www.garciafaura.com\\\/wp-content\\\/uploads\\\/2018\\\/11\\\/Hospital-General-de-Sant-Boi-32.jpg&quot;,&quot;title&quot;:&quot;Fabricaci\\u00f3 i instal\\u00b7laci\\u00f3 de 6 murs cortina i les 500 finestres\\u00a0del nou Hospital General&quot;},{&quot;src&quot;:&quot;https:\\\/\\\/www.garciafaura.com\\\/wp-content\\\/uploads\\\/2018\\\/11\\\/Hospital-General-de-Sant-Boi-31.jpg&quot;,&quot;title&quot;:&quot;Fabricaci\\u00f3 i instal\\u00b7laci\\u00f3 de 6 murs cortina i les 500 finestres\\u00a0del nou Hospital General&quot;},{&quot;src&quot;:&quot;https:\\\/\\\/www.garciafaura.com\\\/wp-content\\\/uploads\\\/2018\\\/11\\\/Hospital-General-de-Sant-Boi-30.jpg&quot;,&quot;title&quot;:&quot;Fabricaci\\u00f3 i instal\\u00b7laci\\u00f3 de 6 murs cortina i les 500 finestres\\u00a0del nou Hospital General&quot;},{&quot;src&quot;:&quot;https:\\\/\\\/www.garciafaura.com\\\/wp-content\\\/uploads\\\/2018\\\/11\\\/Hospital-General-de-Sant-Boi-29.jpg&quot;,&quot;title&quot;:&quot;Fabricaci\\u00f3 i instal\\u00b7laci\\u00f3 de 6 murs cortina i les 500 finestres\\u00a0del nou Hospital General&quot;},{&quot;src&quot;:&quot;https:\\\/\\\/www.garciafaura.com\\\/wp-content\\\/uploads\\\/2018\\\/11\\\/Hospital-General-de-Sant-Boi-28.jpg&quot;,&quot;title&quot;:&quot;Fabricaci\\u00f3 i instal\\u00b7laci\\u00f3 de 6 murs cortina i les 500 finestres\\u00a0del nou Hospital General&quot;},{&quot;src&quot;:&quot;https:\\\/\\\/www.garciafaura.com\\\/wp-content\\\/uploads\\\/2018\\\/11\\\/Hospital-General-de-Sant-Boi-27.jpg&quot;,&quot;title&quot;:&quot;Fabricaci\\u00f3 i instal\\u00b7laci\\u00f3 de 6 murs cortina i les 500 finestres\\u00a0del nou Hospital General&quot;},{&quot;src&quot;:&quot;https:\\\/\\\/www.garciafaura.com\\\/wp-content\\\/uploads\\\/2018\\\/11\\\/Hospital-General-de-Sant-Boi-26.jpg&quot;,&quot;title&quot;:&quot;Fabricaci\\u00f3 i instal\\u00b7laci\\u00f3 de 6 murs cortina i les 500 finestres\\u00a0del nou Hospital General&quot;},{&quot;src&quot;:&quot;https:\\\/\\\/www.garciafaura.com\\\/wp-content\\\/uploads\\\/2018\\\/11\\\/Hospital-General-de-Sant-Boi-25.jpg&quot;,&quot;title&quot;:&quot;Fabricaci\\u00f3 i instal\\u00b7laci\\u00f3 de 6 murs cortina i les 500 finestres\\u00a0del nou Hospital General&quot;},{&quot;src&quot;:&quot;https:\\\/\\\/www.garciafaura.com\\\/wp-content\\\/uploads\\\/2018\\\/11\\\/Hospital-General-de-Sant-Boi-24.jpg&quot;,&quot;title&quot;:&quot;Fabricaci\\u00f3 i instal\\u00b7laci\\u00f3 de 6 murs cortina i les 500 finestres\\u00a0del nou Hospital General&quot;},{&quot;src&quot;:&quot;https:\\\/\\\/www.garciafaura.com\\\/wp-content\\\/uploads\\\/2018\\\/11\\\/Hospital-General-de-Sant-Boi-23.jpg&quot;,&quot;title&quot;:&quot;Fabricaci\\u00f3 i instal\\u00b7laci\\u00f3 de 6 murs cortina i les 500 finestres\\u00a0del nou Hospital General&quot;},{&quot;src&quot;:&quot;https:\\\/\\\/www.garciafaura.com\\\/wp-content\\\/uploads\\\/2018\\\/11\\\/Hospital-General-de-Sant-Boi-22.jpg&quot;,&quot;title&quot;:&quot;Fabricaci\\u00f3 i instal\\u00b7laci\\u00f3 de 6 murs cortina i les 500 finestres\\u00a0del nou Hospital General&quot;},{&quot;src&quot;:&quot;https:\\\/\\\/www.garciafaura.com\\\/wp-content\\\/uploads\\\/2018\\\/11\\\/Hospital-General-de-Sant-Boi-21.jpg&quot;,&quot;title&quot;:&quot;Fabricaci\\u00f3 i instal\\u00b7laci\\u00f3 de 6 murs cortina i les 500 finestres\\u00a0del nou Hospital General&quot;},{&quot;src&quot;:&quot;https:\\\/\\\/www.garciafaura.com\\\/wp-content\\\/uploads\\\/2018\\\/11\\\/Hospital-General-de-Sant-Boi-19.jpg&quot;,&quot;title&quot;:&quot;Fabricaci\\u00f3 i instal\\u00b7laci\\u00f3 de 6 murs cortina i les 500 finestres\\u00a0del nou Hospital General&quot;},{&quot;src&quot;:&quot;https:\\\/\\\/www.garciafaura.com\\\/wp-content\\\/uploads\\\/2018\\\/11\\\/Hospital-General-de-Sant-Boi-20.jpg&quot;,&quot;title&quot;:&quot;Fabricaci\\u00f3 i instal\\u00b7laci\\u00f3 de 6 murs cortina i les 500 finestres\\u00a0del nou Hospital General&quot;},{&quot;src&quot;:&quot;https:\\\/\\\/www.garciafaura.com\\\/wp-content\\\/uploads\\\/2018\\\/11\\\/Hospital-General-de-Sant-Boi-18.jpg&quot;,&quot;title&quot;:&quot;Fabricaci\\u00f3 i instal\\u00b7laci\\u00f3 de 6 murs cortina i les 500 finestres\\u00a0del nou Hospital General&quot;},{&quot;src&quot;:&quot;https:\\\/\\\/www.garciafaura.com\\\/wp-content\\\/uploads\\\/2018\\\/11\\\/Hospital-General-de-Sant-Boi-17.jpg&quot;,&quot;title&quot;:&quot;Fabricaci\\u00f3 i instal\\u00b7laci\\u00f3 de 6 murs cortina i les 500 finestres\\u00a0del nou Hospital General&quot;},{&quot;src&quot;:&quot;https:\\\/\\\/www.garciafaura.com\\\/wp-content\\\/uploads\\\/2018\\\/11\\\/Hospital-General-de-Sant-Boi-16.jpg&quot;,&quot;title&quot;:&quot;Fabricaci\\u00f3 i instal\\u00b7laci\\u00f3 de 6 murs cortina i les 500 finestres\\u00a0del nou Hospital General&quot;},{&quot;src&quot;:&quot;https:\\\/\\\/www.garciafaura.com\\\/wp-content\\\/uploads\\\/2018\\\/11\\\/Hospital-General-de-Sant-Boi-15.jpg&quot;,&quot;title&quot;:&quot;Fabricaci\\u00f3 i instal\\u00b7laci\\u00f3 de 6 murs cortina i les 500 finestres\\u00a0del nou Hospital General&quot;},{&quot;src&quot;:&quot;https:\\\/\\\/www.garciafaura.com\\\/wp-content\\\/uploads\\\/2018\\\/11\\\/Hospital-General-de-Sant-Boi-14.jpg&quot;,&quot;title&quot;:&quot;Fabricaci\\u00f3 i instal\\u00b7laci\\u00f3 de 6 murs cortina i les 500 finestres\\u00a0del nou Hospital General&quot;},{&quot;src&quot;:&quot;https:\\\/\\\/www.garciafaura.com\\\/wp-content\\\/uploads\\\/2018\\\/11\\\/Hospital-General-de-Sant-Boi-13.jpg&quot;,&quot;title&quot;:&quot;Fabricaci\\u00f3 i instal\\u00b7laci\\u00f3 de 6 murs cortina i les 500 finestres\\u00a0del nou Hospital General&quot;},{&quot;src&quot;:&quot;https:\\\/\\\/www.garciafaura.com\\\/wp-content\\\/uploads\\\/2018\\\/11\\\/Hospital-General-de-Sant-Boi-12.jpg&quot;,&quot;title&quot;:&quot;Fabricaci\\u00f3 i instal\\u00b7laci\\u00f3 de 6 murs cortina i les 500 finestres\\u00a0del nou Hospital General&quot;},{&quot;src&quot;:&quot;https:\\\/\\\/www.garciafaura.com\\\/wp-content\\\/uploads\\\/2018\\\/11\\\/Hospital-General-de-Sant-Boi-11.jpg&quot;,&quot;title&quot;:&quot;Fabricaci\\u00f3 i instal\\u00b7laci\\u00f3 de 6 murs cortina i les 500 finestres\\u00a0del nou Hospital General&quot;},{&quot;src&quot;:&quot;https:\\\/\\\/www.garciafaura.com\\\/wp-content\\\/uploads\\\/2018\\\/11\\\/Hospital-General-de-Sant-Boi-10.jpg&quot;,&quot;title&quot;:&quot;Fabricaci\\u00f3 i instal\\u00b7laci\\u00f3 de 6 murs cortina i les 500 finestres\\u00a0del nou Hospital General&quot;},{&quot;src&quot;:&quot;https:\\\/\\\/www.garciafaura.com\\\/wp-content\\\/uploads\\\/2018\\\/11\\\/Hospital-General-de-Sant-Boi-09.jpg&quot;,&quot;title&quot;:&quot;Fabricaci\\u00f3 i instal\\u00b7laci\\u00f3 de 6 murs cortina i les 500 finestres\\u00a0del nou Hospital General&quot;},{&quot;src&quot;:&quot;https:\\\/\\\/www.garciafaura.com\\\/wp-content\\\/uploads\\\/2018\\\/11\\\/Hospital-General-de-Sant-Boi-08.jpg&quot;,&quot;title&quot;:&quot;Fabricaci\\u00f3 i instal\\u00b7laci\\u00f3 de 6 murs cortina i les 500 finestres\\u00a0del nou Hospital General&quot;},{&quot;src&quot;:&quot;https:\\\/\\\/www.garciafaura.com\\\/wp-content\\\/uploads\\\/2018\\\/11\\\/Hospital-General-de-Sant-Boi-07.jpg&quot;,&quot;title&quot;:&quot;Fabricaci\\u00f3 i instal\\u00b7laci\\u00f3 de 6 murs cortina i les 500 finestres\\u00a0del nou Hospital General&quot;},{&quot;src&quot;:&quot;https:\\\/\\\/www.garciafaura.com\\\/wp-content\\\/uploads\\\/2018\\\/11\\\/Hospital-General-de-Sant-Boi-06.jpg&quot;,&quot;title&quot;:&quot;Fabricaci\\u00f3 i instal\\u00b7laci\\u00f3 de 6 murs cortina i les 500 finestres\\u00a0del nou Hospital General&quot;},{&quot;src&quot;:&quot;https:\\\/\\\/www.garciafaura.com\\\/wp-content\\\/uploads\\\/2018\\\/11\\\/Hospital-General-de-Sant-Boi-05.jpg&quot;,&quot;title&quot;:&quot;Fabricaci\\u00f3 i instal\\u00b7laci\\u00f3 de 6 murs cortina i les 500 finestres\\u00a0del nou Hospital General&quot;},{&quot;src&quot;:&quot;https:\\\/\\\/www.garciafaura.com\\\/wp-content\\\/uploads\\\/2018\\\/11\\\/Hospital-General-de-Sant-Boi-04.jpg&quot;,&quot;title&quot;:&quot;Fabricaci\\u00f3 i instal\\u00b7laci\\u00f3 de 6 murs cortina i les 500 finestres\\u00a0del nou Hospital General&quot;},{&quot;src&quot;:&quot;https:\\\/\\\/www.garciafaura.com\\\/wp-content\\\/uploads\\\/2018\\\/11\\\/Hospital-General-de-Sant-Boi-03.jpg&quot;,&quot;title&quot;:&quot;Fabricaci\\u00f3 i instal\\u00b7laci\\u00f3 de 6 murs cortina i les 500 finestres\\u00a0del nou Hospital General&quot;},{&quot;src&quot;:&quot;https:\\\/\\\/www.garciafaura.com\\\/wp-content\\\/uploads\\\/2018\\\/11\\\/Hospital-General-de-Sant-Boi-02.jpg&quot;,&quot;title&quot;:&quot;Fabricaci\\u00f3 i instal\\u00b7laci\\u00f3 de 6 murs cortina i les 500 finestres\\u00a0del nou Hospital General&quot;}]\"><img decoding=\"async\" data-no-lazy=\"1\" class=\"portfolio-entry-img skip-lazy\" src=\"https:\/\/www.garciafaura.com\/wp-content\/uploads\/2018\/11\/Hospital-General-de-Sant-Boi-01-x.jpg\" alt=\"Fabrication Et Installation De 6 Murs-rideaux Et 500 Fen\u00eatres Pour Le Nouvel H\u00f4pital G\u00e9n\u00e9ral M\u00e9tropolitain\" data-no-retina \/><\/a><\/div><div class=\"portfolio-entry-details entry-details wpex-clr\"><h2 class=\"portfolio-entry-title entry-title\"><a href=\"https:\/\/www.garciafaura.com\/fr\/portfolio-item\/hopital-general-de-sant-boi-de-llobregat\/\" title=\"H\u00f4pital G\u00e9n\u00e9ral de Sant Boi de Llobregat\">H\u00f4pital G\u00e9n\u00e9ral de Sant Boi de Llobregat<\/a><\/h2><div class=\"portfolio-entry-categories entry-categories wpex-clr\"><a href=\"https:\/\/www.garciafaura.com\/fr\/portfolio-category\/batiments-de-services\/\" class=\"term-75\">B\u00e2timents de Services<\/a><\/div><\/div><\/div><\/div><div class=\"portfolio-entry vcex-grid-item entry-has-details span_1_of_3 col col-1 vcex-isotope-entry vcex-no-margin-entry post-20365 entry type-portfolio has-media cat-75 translation_priority-5\"><div class=\"portfolio-entry-inner entry-inner wpex-clr\"><div class=\"portfolio-entry-media entry-media wpex-clr\"><a href=\"https:\/\/www.garciafaura.com\/wp-content\/uploads\/2018\/11\/Centre-Penintenciari-Figueres-03.jpg\" title=\"Centre P\u00e9nitentier de Figueras\" class=\"portfolio-entry-media-link wpex-lightbox-gallery\" data-gallery=\"[{&quot;src&quot;:&quot;https:\\\/\\\/www.garciafaura.com\\\/wp-content\\\/uploads\\\/2018\\\/11\\\/Centre-Penintenciari-Figueres-01.jpg&quot;,&quot;title&quot;:&quot;Conjunt de tancaments interiors i exteriors del nou centre penitenciari de Catalunya&quot;},{&quot;src&quot;:&quot;https:\\\/\\\/www.garciafaura.com\\\/wp-content\\\/uploads\\\/2018\\\/11\\\/Centre-Penintenciari-Figueres-04.jpg&quot;,&quot;title&quot;:&quot;Conjunt de tancaments interiors i exteriors del nou centre penitenciari de Catalunya&quot;},{&quot;src&quot;:&quot;https:\\\/\\\/www.garciafaura.com\\\/wp-content\\\/uploads\\\/2018\\\/11\\\/Centre-Penintenciari-Figueres-03.jpg&quot;,&quot;title&quot;:&quot;Ensemble de fermetures int\\u00e9rieures et ext\\u00e9rieures pour le nouveau Centre P\\u00e9nitentiaire de Catalogne&quot;},{&quot;src&quot;:&quot;https:\\\/\\\/www.garciafaura.com\\\/wp-content\\\/uploads\\\/2018\\\/11\\\/Centre-Penintenciari-Figueres-02.jpg&quot;,&quot;title&quot;:&quot;Conjunt de tancaments interiors i exteriors del nou centre penitenciari de Catalunya&quot;}]\"><img decoding=\"async\" data-no-lazy=\"1\" class=\"portfolio-entry-img skip-lazy\" src=\"https:\/\/www.garciafaura.com\/wp-content\/uploads\/2018\/11\/Centre-Penintenciari-Figueres-03-x.jpg\" alt=\"Ensemble De Fermetures Int\u00e9rieures Et Ext\u00e9rieures Pour Le Nouveau Centre P\u00e9nitentiaire De Catalogne\" data-no-retina \/><\/a><\/div><div class=\"portfolio-entry-details entry-details wpex-clr\"><h2 class=\"portfolio-entry-title entry-title\"><a href=\"https:\/\/www.garciafaura.com\/fr\/portfolio-item\/centre-penitentier-de-figueras\/\" title=\"Centre P\u00e9nitentier de Figueras\">Centre P\u00e9nitentier de Figueras<\/a><\/h2><div class=\"portfolio-entry-categories entry-categories wpex-clr\"><a href=\"https:\/\/www.garciafaura.com\/fr\/portfolio-category\/batiments-de-services\/\" class=\"term-75\">B\u00e2timents de Services<\/a><\/div><\/div><\/div><\/div><div class=\"portfolio-entry vcex-grid-item entry-has-details span_1_of_3 col col-2 vcex-isotope-entry vcex-no-margin-entry post-20358 entry type-portfolio has-media cat-75 translation_priority-5\"><div class=\"portfolio-entry-inner entry-inner wpex-clr\"><div class=\"portfolio-entry-media entry-media wpex-clr\"><a href=\"https:\/\/www.garciafaura.com\/wp-content\/uploads\/2018\/11\/Complex-esportiu-Pau-Gasol-01.jpg\" title=\"Complexe sportif Pau Gasol\" class=\"portfolio-entry-media-link wpex-lightbox-gallery\" data-gallery=\"[{&quot;src&quot;:&quot;https:\\\/\\\/www.garciafaura.com\\\/wp-content\\\/uploads\\\/2018\\\/11\\\/Complex-esportiu-Pau-Gasol-01.jpg&quot;,&quot;title&quot;:&quot;Travaux de verrerie et aluminium pour le centre de sport municipal de la ville de Sant Boi de Llobregat&quot;}]\"><img decoding=\"async\" data-no-lazy=\"1\" class=\"portfolio-entry-img skip-lazy\" src=\"https:\/\/www.garciafaura.com\/wp-content\/uploads\/2018\/11\/Complex-esportiu-Pau-Gasol-01-x.jpg\" alt=\"Travaux De Verrerie Et Aluminium Pour Le Centre De Sport Municipal De La Ville De Sant Boi De Llobregat\" data-no-retina \/><\/a><\/div><div class=\"portfolio-entry-details entry-details wpex-clr\"><h2 class=\"portfolio-entry-title entry-title\"><a href=\"https:\/\/www.garciafaura.com\/fr\/portfolio-item\/complexe-sportif-pau-gasol\/\" title=\"Complexe sportif Pau Gasol\">Complexe sportif Pau Gasol<\/a><\/h2><div class=\"portfolio-entry-categories entry-categories wpex-clr\"><a href=\"https:\/\/www.garciafaura.com\/fr\/portfolio-category\/batiments-de-services\/\" class=\"term-75\">B\u00e2timents de Services<\/a><\/div><\/div><\/div><\/div><div class=\"portfolio-entry vcex-grid-item entry-has-details span_1_of_3 col col-3 vcex-isotope-entry vcex-no-margin-entry post-20348 entry type-portfolio has-media cat-75 translation_priority-5\"><div class=\"portfolio-entry-inner entry-inner wpex-clr\"><div class=\"portfolio-entry-media entry-media wpex-clr\"><a href=\"https:\/\/www.garciafaura.com\/wp-content\/uploads\/2018\/11\/Conservatori-Liceu-05.jpg\" title=\"Conservatoire del Liceu\" class=\"portfolio-entry-media-link wpex-lightbox-gallery\" data-gallery=\"[{&quot;src&quot;:&quot;https:\\\/\\\/www.garciafaura.com\\\/wp-content\\\/uploads\\\/2018\\\/11\\\/Conservatori-Liceu-01.jpg&quot;,&quot;title&quot;:&quot;Treball en vidre realitzat en base a una peculiar estructura i un gran pati de llums central, de 10 metres de di\\u00e0metre&quot;},{&quot;src&quot;:&quot;https:\\\/\\\/www.garciafaura.com\\\/wp-content\\\/uploads\\\/2018\\\/11\\\/Conservatori-Liceu-25.jpg&quot;,&quot;title&quot;:&quot;Treball en vidre realitzat en base a una peculiar estructura i un gran pati de llums central, de 10 metres de di\\u00e0metre&quot;},{&quot;src&quot;:&quot;https:\\\/\\\/www.garciafaura.com\\\/wp-content\\\/uploads\\\/2018\\\/11\\\/Conservatori-Liceu-24.jpg&quot;,&quot;title&quot;:&quot;Treball en vidre realitzat en base a una peculiar estructura i un gran pati de llums central, de 10 metres de di\\u00e0metre&quot;},{&quot;src&quot;:&quot;https:\\\/\\\/www.garciafaura.com\\\/wp-content\\\/uploads\\\/2018\\\/11\\\/Conservatori-Liceu-23.jpg&quot;,&quot;title&quot;:&quot;Treball en vidre realitzat en base a una peculiar estructura i un gran pati de llums central, de 10 metres de di\\u00e0metre&quot;},{&quot;src&quot;:&quot;https:\\\/\\\/www.garciafaura.com\\\/wp-content\\\/uploads\\\/2018\\\/11\\\/Conservatori-Liceu-22.jpg&quot;,&quot;title&quot;:&quot;Treball en vidre realitzat en base a una peculiar estructura i un gran pati de llums central, de 10 metres de di\\u00e0metre&quot;},{&quot;src&quot;:&quot;https:\\\/\\\/www.garciafaura.com\\\/wp-content\\\/uploads\\\/2018\\\/11\\\/Conservatori-Liceu-21.jpg&quot;,&quot;title&quot;:&quot;Treball en vidre realitzat en base a una peculiar estructura i un gran pati de llums central, de 10 metres de di\\u00e0metre&quot;},{&quot;src&quot;:&quot;https:\\\/\\\/www.garciafaura.com\\\/wp-content\\\/uploads\\\/2018\\\/11\\\/Conservatori-Liceu-20.jpg&quot;,&quot;title&quot;:&quot;Treball en vidre realitzat en base a una peculiar estructura i un gran pati de llums central, de 10 metres de di\\u00e0metre&quot;},{&quot;src&quot;:&quot;https:\\\/\\\/www.garciafaura.com\\\/wp-content\\\/uploads\\\/2018\\\/11\\\/Conservatori-Liceu-19.jpg&quot;,&quot;title&quot;:&quot;Treball en vidre realitzat en base a una peculiar estructura i un gran pati de llums central, de 10 metres de di\\u00e0metre&quot;},{&quot;src&quot;:&quot;https:\\\/\\\/www.garciafaura.com\\\/wp-content\\\/uploads\\\/2018\\\/11\\\/Conservatori-Liceu-18.jpg&quot;,&quot;title&quot;:&quot;Treball en vidre realitzat en base a una peculiar estructura i un gran pati de llums central, de 10 metres de di\\u00e0metre&quot;},{&quot;src&quot;:&quot;https:\\\/\\\/www.garciafaura.com\\\/wp-content\\\/uploads\\\/2018\\\/11\\\/Conservatori-Liceu-17.jpg&quot;,&quot;title&quot;:&quot;Treball en vidre realitzat en base a una peculiar estructura i un gran pati de llums central, de 10 metres de di\\u00e0metre&quot;},{&quot;src&quot;:&quot;https:\\\/\\\/www.garciafaura.com\\\/wp-content\\\/uploads\\\/2018\\\/11\\\/Conservatori-Liceu-15.jpg&quot;,&quot;title&quot;:&quot;Treball en vidre realitzat en base a una peculiar estructura i un gran pati de llums central, de 10 metres de di\\u00e0metre&quot;},{&quot;src&quot;:&quot;https:\\\/\\\/www.garciafaura.com\\\/wp-content\\\/uploads\\\/2018\\\/11\\\/Conservatori-Liceu-16.jpg&quot;,&quot;title&quot;:&quot;Treball en vidre realitzat en base a una peculiar estructura i un gran pati de llums central, de 10 metres de di\\u00e0metre&quot;},{&quot;src&quot;:&quot;https:\\\/\\\/www.garciafaura.com\\\/wp-content\\\/uploads\\\/2018\\\/11\\\/Conservatori-Liceu-14.jpg&quot;,&quot;title&quot;:&quot;Treball en vidre realitzat en base a una peculiar estructura i un gran pati de llums central, de 10 metres de di\\u00e0metre&quot;},{&quot;src&quot;:&quot;https:\\\/\\\/www.garciafaura.com\\\/wp-content\\\/uploads\\\/2018\\\/11\\\/Conservatori-Liceu-12.jpg&quot;,&quot;title&quot;:&quot;Treball en vidre realitzat en base a una peculiar estructura i un gran pati de llums central, de 10 metres de di\\u00e0metre&quot;},{&quot;src&quot;:&quot;https:\\\/\\\/www.garciafaura.com\\\/wp-content\\\/uploads\\\/2018\\\/11\\\/Conservatori-Liceu-13.jpg&quot;,&quot;title&quot;:&quot;Treball en vidre realitzat en base a una peculiar estructura i un gran pati de llums central, de 10 metres de di\\u00e0metre&quot;},{&quot;src&quot;:&quot;https:\\\/\\\/www.garciafaura.com\\\/wp-content\\\/uploads\\\/2018\\\/11\\\/Conservatori-Liceu-11.jpg&quot;,&quot;title&quot;:&quot;Treball en vidre realitzat en base a una peculiar estructura i un gran pati de llums central, de 10 metres de di\\u00e0metre&quot;},{&quot;src&quot;:&quot;https:\\\/\\\/www.garciafaura.com\\\/wp-content\\\/uploads\\\/2018\\\/11\\\/Conservatori-Liceu-10.jpg&quot;,&quot;title&quot;:&quot;Treball en vidre realitzat en base a una peculiar estructura i un gran pati de llums central, de 10 metres de di\\u00e0metre&quot;},{&quot;src&quot;:&quot;https:\\\/\\\/www.garciafaura.com\\\/wp-content\\\/uploads\\\/2018\\\/11\\\/Conservatori-Liceu-09.jpg&quot;,&quot;title&quot;:&quot;Treball en vidre realitzat en base a una peculiar estructura i un gran pati de llums central, de 10 metres de di\\u00e0metre&quot;},{&quot;src&quot;:&quot;https:\\\/\\\/www.garciafaura.com\\\/wp-content\\\/uploads\\\/2018\\\/11\\\/Conservatori-Liceu-08.jpg&quot;,&quot;title&quot;:&quot;Treball en vidre realitzat en base a una peculiar estructura i un gran pati de llums central, de 10 metres de di\\u00e0metre&quot;},{&quot;src&quot;:&quot;https:\\\/\\\/www.garciafaura.com\\\/wp-content\\\/uploads\\\/2018\\\/11\\\/Conservatori-Liceu-07.jpg&quot;,&quot;title&quot;:&quot;Treball en vidre realitzat en base a una peculiar estructura i un gran pati de llums central, de 10 metres de di\\u00e0metre&quot;},{&quot;src&quot;:&quot;https:\\\/\\\/www.garciafaura.com\\\/wp-content\\\/uploads\\\/2018\\\/11\\\/Conservatori-Liceu-06.jpg&quot;,&quot;title&quot;:&quot;Treball en vidre realitzat en base a una peculiar estructura i un gran pati de llums central, de 10 metres de di\\u00e0metre&quot;},{&quot;src&quot;:&quot;https:\\\/\\\/www.garciafaura.com\\\/wp-content\\\/uploads\\\/2018\\\/11\\\/Conservatori-Liceu-05.jpg&quot;,&quot;title&quot;:&quot;Travaux en verre r\\u00e9alis\\u00e9s sur la base d&#039;une structure particuli\\u00e8re et d&#039;un grand patio central, de 10 m\\u00e8tres de diam\\u00e8tre&quot;},{&quot;src&quot;:&quot;https:\\\/\\\/www.garciafaura.com\\\/wp-content\\\/uploads\\\/2018\\\/11\\\/Conservatori-Liceu-04.jpg&quot;,&quot;title&quot;:&quot;Treball en vidre realitzat en base a una peculiar estructura i un gran pati de llums central, de 10 metres de di\\u00e0metre&quot;},{&quot;src&quot;:&quot;https:\\\/\\\/www.garciafaura.com\\\/wp-content\\\/uploads\\\/2018\\\/11\\\/Conservatori-Liceu-03.jpg&quot;,&quot;title&quot;:&quot;Treball en vidre realitzat en base a una peculiar estructura i un gran pati de llums central, de 10 metres de di\\u00e0metre&quot;},{&quot;src&quot;:&quot;https:\\\/\\\/www.garciafaura.com\\\/wp-content\\\/uploads\\\/2018\\\/11\\\/Conservatori-Liceu-02.jpg&quot;,&quot;title&quot;:&quot;Treball en vidre realitzat en base a una peculiar estructura i un gran pati de llums central, de 10 metres de di\\u00e0metre&quot;}]\"><img decoding=\"async\" data-no-lazy=\"1\" class=\"portfolio-entry-img skip-lazy\" src=\"https:\/\/www.garciafaura.com\/wp-content\/uploads\/2018\/11\/Conservatori-Liceu-05-x.jpg\" alt=\"Travaux En Verre R\u00e9alis\u00e9s Sur La Base D'une Structure Particuli\u00e8re Et D'un Grand Patio Central, De 10 M\u00e8tres De Diam\u00e8tre\" data-no-retina \/><\/a><\/div><div class=\"portfolio-entry-details entry-details wpex-clr\"><h2 class=\"portfolio-entry-title entry-title\"><a href=\"https:\/\/www.garciafaura.com\/fr\/portfolio-item\/conservatoire-del-liceu\/\" title=\"Conservatoire del Liceu\">Conservatoire del Liceu<\/a><\/h2><div class=\"portfolio-entry-categories entry-categories wpex-clr\"><a href=\"https:\/\/www.garciafaura.com\/fr\/portfolio-category\/batiments-de-services\/\" class=\"term-75\">B\u00e2timents de Services<\/a><\/div><\/div><\/div><\/div><div class=\"portfolio-entry vcex-grid-item entry-has-details span_1_of_3 col col-1 vcex-isotope-entry vcex-no-margin-entry post-20341 entry type-portfolio has-media cat-75 cat-93 translation_priority-5\"><div class=\"portfolio-entry-inner entry-inner wpex-clr\"><div class=\"portfolio-entry-media entry-media wpex-clr\"><a href=\"https:\/\/www.garciafaura.com\/wp-content\/uploads\/2018\/11\/Ampliacio\u0301-Fira-Barcelona-01.jpg\" title=\"Agrandissement Foire de Barcelone\" class=\"portfolio-entry-media-link wpex-lightbox\"><img decoding=\"async\" data-no-lazy=\"1\" class=\"portfolio-entry-img skip-lazy\" src=\"https:\/\/www.garciafaura.com\/wp-content\/uploads\/2018\/11\/Ampliacio\u0301-Fira-Barcelona-01-x.jpg\" alt=\"Fa\u00e7ade Organique De Mur-rideau Qui Traite Individuellement Chaque Fermeture\" data-no-retina \/><\/a><\/div><div class=\"portfolio-entry-details entry-details wpex-clr\"><h2 class=\"portfolio-entry-title entry-title\"><a href=\"https:\/\/www.garciafaura.com\/fr\/portfolio-item\/agrandissement-foire-de-barcelone\/\" title=\"Agrandissement Foire de Barcelone\">Agrandissement Foire de Barcelone<\/a><\/h2><div class=\"portfolio-entry-categories entry-categories wpex-clr\"><a href=\"https:\/\/www.garciafaura.com\/fr\/portfolio-category\/batiments-de-services\/\" class=\"term-75\">B\u00e2timents de Services<\/a><\/div><\/div><\/div><\/div><div class=\"portfolio-entry vcex-grid-item entry-has-details span_1_of_3 col col-2 vcex-isotope-entry vcex-no-margin-entry post-20339 entry type-portfolio has-media cat-75 translation_priority-5\"><div class=\"portfolio-entry-inner entry-inner wpex-clr\"><div class=\"portfolio-entry-media entry-media wpex-clr\"><a href=\"https:\/\/www.garciafaura.com\/wp-content\/uploads\/2018\/11\/Centre-Penitenciari-Pamplona-02.jpg\" title=\"Centre P\u00e9nitentiaire de Pampelune\" class=\"portfolio-entry-media-link wpex-lightbox-gallery\" data-gallery=\"[{&quot;src&quot;:&quot;https:\\\/\\\/www.garciafaura.com\\\/wp-content\\\/uploads\\\/2018\\\/11\\\/Centre-Penitenciari-Pamplona-01.jpg&quot;,&quot;title&quot;:&quot;Conjunt de tancaments interiors i exteriors del nou centre penitenciari de Pamplona&quot;},{&quot;src&quot;:&quot;https:\\\/\\\/www.garciafaura.com\\\/wp-content\\\/uploads\\\/2018\\\/11\\\/Centre-Penitenciari-Pamplona-14.jpg&quot;,&quot;title&quot;:&quot;Conjunt de tancaments interiors i exteriors del nou centre penitenciari de Pamplona&quot;},{&quot;src&quot;:&quot;https:\\\/\\\/www.garciafaura.com\\\/wp-content\\\/uploads\\\/2018\\\/11\\\/Centre-Penitenciari-Pamplona-13.jpg&quot;,&quot;title&quot;:&quot;Conjunt de tancaments interiors i exteriors del nou centre penitenciari de Pamplona&quot;},{&quot;src&quot;:&quot;https:\\\/\\\/www.garciafaura.com\\\/wp-content\\\/uploads\\\/2018\\\/11\\\/Centre-Penitenciari-Pamplona-12.jpg&quot;,&quot;title&quot;:&quot;Conjunt de tancaments interiors i exteriors del nou centre penitenciari de Pamplona&quot;},{&quot;src&quot;:&quot;https:\\\/\\\/www.garciafaura.com\\\/wp-content\\\/uploads\\\/2018\\\/11\\\/Centre-Penitenciari-Pamplona-11.jpg&quot;,&quot;title&quot;:&quot;Conjunt de tancaments interiors i exteriors del nou centre penitenciari de Pamplona&quot;},{&quot;src&quot;:&quot;https:\\\/\\\/www.garciafaura.com\\\/wp-content\\\/uploads\\\/2018\\\/11\\\/Centre-Penitenciari-Pamplona-10.jpg&quot;,&quot;title&quot;:&quot;Conjunt de tancaments interiors i exteriors del nou centre penitenciari de Pamplona&quot;},{&quot;src&quot;:&quot;https:\\\/\\\/www.garciafaura.com\\\/wp-content\\\/uploads\\\/2018\\\/11\\\/Centre-Penitenciari-Pamplona-09.jpg&quot;,&quot;title&quot;:&quot;Conjunt de tancaments interiors i exteriors del nou centre penitenciari de Pamplona&quot;},{&quot;src&quot;:&quot;https:\\\/\\\/www.garciafaura.com\\\/wp-content\\\/uploads\\\/2018\\\/11\\\/Centre-Penitenciari-Pamplona-08.jpg&quot;,&quot;title&quot;:&quot;Conjunt de tancaments interiors i exteriors del nou centre penitenciari de Pamplona&quot;},{&quot;src&quot;:&quot;https:\\\/\\\/www.garciafaura.com\\\/wp-content\\\/uploads\\\/2018\\\/11\\\/Centre-Penitenciari-Pamplona-07.jpg&quot;,&quot;title&quot;:&quot;Conjunt de tancaments interiors i exteriors del nou centre penitenciari de Pamplona&quot;},{&quot;src&quot;:&quot;https:\\\/\\\/www.garciafaura.com\\\/wp-content\\\/uploads\\\/2018\\\/11\\\/Centre-Penitenciari-Pamplona-06.jpg&quot;,&quot;title&quot;:&quot;Conjunt de tancaments interiors i exteriors del nou centre penitenciari de Pamplona&quot;},{&quot;src&quot;:&quot;https:\\\/\\\/www.garciafaura.com\\\/wp-content\\\/uploads\\\/2018\\\/11\\\/Centre-Penitenciari-Pamplona-05.jpg&quot;,&quot;title&quot;:&quot;Conjunt de tancaments interiors i exteriors del nou centre penitenciari de Pamplona&quot;},{&quot;src&quot;:&quot;https:\\\/\\\/www.garciafaura.com\\\/wp-content\\\/uploads\\\/2018\\\/11\\\/Centre-Penitenciari-Pamplona-04.jpg&quot;,&quot;title&quot;:&quot;Conjunt de tancaments interiors i exteriors del nou centre penitenciari de Pamplona&quot;},{&quot;src&quot;:&quot;https:\\\/\\\/www.garciafaura.com\\\/wp-content\\\/uploads\\\/2018\\\/11\\\/Centre-Penitenciari-Pamplona-03.jpg&quot;,&quot;title&quot;:&quot;Conjunt de tancaments interiors i exteriors del nou centre penitenciari de Pamplona&quot;},{&quot;src&quot;:&quot;https:\\\/\\\/www.garciafaura.com\\\/wp-content\\\/uploads\\\/2018\\\/11\\\/Centre-Penitenciari-Pamplona-02.jpg&quot;,&quot;title&quot;:&quot;Ensemble de fermetures int\\u00e9rieures et ext\\u00e9rieures pour le nouveau Centre P\\u00e9nitentiaire de Pampelune&quot;}]\"><img loading=\"lazy\" decoding=\"async\" data-no-lazy=\"1\" class=\"portfolio-entry-img skip-lazy\" src=\"https:\/\/www.garciafaura.com\/wp-content\/uploads\/2018\/11\/Centre-Penitenciari-Pamplona-02-600x314.jpg\" alt=\"Ensemble De Fermetures Int\u00e9rieures Et Ext\u00e9rieures Pour Le Nouveau Centre P\u00e9nitentiaire De Pampelune\" data-no-retina width=\"600\" height=\"314\" \/><\/a><\/div><div class=\"portfolio-entry-details entry-details wpex-clr\"><h2 class=\"portfolio-entry-title entry-title\"><a href=\"https:\/\/www.garciafaura.com\/fr\/portfolio-item\/centre-penitentiaire-de-pampelune\/\" title=\"Centre P\u00e9nitentiaire de Pampelune\">Centre P\u00e9nitentiaire de Pampelune<\/a><\/h2><div class=\"portfolio-entry-categories entry-categories wpex-clr\"><a href=\"https:\/\/www.garciafaura.com\/fr\/portfolio-category\/batiments-de-services\/\" class=\"term-75\">B\u00e2timents de Services<\/a><\/div><\/div><\/div><\/div><div class=\"portfolio-entry vcex-grid-item entry-has-details span_1_of_3 col col-3 vcex-isotope-entry vcex-no-margin-entry post-20338 entry type-portfolio has-media cat-75 cat-90 translation_priority-5\"><div class=\"portfolio-entry-inner entry-inner wpex-clr\"><div class=\"portfolio-entry-media entry-media wpex-clr\"><a href=\"https:\/\/www.garciafaura.com\/wp-content\/uploads\/2018\/11\/Teatre-Principal-Terrassa-33.jpg\" title=\"Th\u00e9\u00e2tre Principal de Terrassa\" class=\"portfolio-entry-media-link wpex-lightbox-gallery\" data-gallery=\"[{&quot;src&quot;:&quot;https:\\\/\\\/www.garciafaura.com\\\/wp-content\\\/uploads\\\/2018\\\/11\\\/Teatre-Principal-Terrassa-33.jpg&quot;,&quot;title&quot;:&quot;R\\u00e9habilitation int\\u00e9grale en fer, verre et aluminium pour ce b\\u00e2timent historique de style moderniste&quot;},{&quot;src&quot;:&quot;https:\\\/\\\/www.garciafaura.com\\\/wp-content\\\/uploads\\\/2018\\\/11\\\/Teatre-Principal-Terrassa-32.jpg&quot;,&quot;title&quot;:&quot;Rehabilitaci\\u00f3 integral en ferro, vidre i alumini d&#039;aquest edific hist\\u00f2ric d&#039;estil modernista&quot;},{&quot;src&quot;:&quot;https:\\\/\\\/www.garciafaura.com\\\/wp-content\\\/uploads\\\/2018\\\/11\\\/Teatre-Principal-Terrassa-31.jpg&quot;,&quot;title&quot;:&quot;Rehabilitaci\\u00f3 integral en ferro, vidre i alumini d&#039;aquest edific hist\\u00f2ric d&#039;estil modernista&quot;},{&quot;src&quot;:&quot;https:\\\/\\\/www.garciafaura.com\\\/wp-content\\\/uploads\\\/2018\\\/11\\\/Teatre-Principal-Terrassa-30.jpg&quot;,&quot;title&quot;:&quot;Rehabilitaci\\u00f3 integral en ferro, vidre i alumini d&#039;aquest edific hist\\u00f2ric d&#039;estil modernista&quot;},{&quot;src&quot;:&quot;https:\\\/\\\/www.garciafaura.com\\\/wp-content\\\/uploads\\\/2018\\\/11\\\/Teatre-Principal-Terrassa-29.jpg&quot;,&quot;title&quot;:&quot;Rehabilitaci\\u00f3 integral en ferro, vidre i alumini d&#039;aquest edific hist\\u00f2ric d&#039;estil modernista&quot;},{&quot;src&quot;:&quot;https:\\\/\\\/www.garciafaura.com\\\/wp-content\\\/uploads\\\/2018\\\/11\\\/Teatre-Principal-Terrassa-28.jpg&quot;,&quot;title&quot;:&quot;Rehabilitaci\\u00f3 integral en ferro, vidre i alumini d&#039;aquest edific hist\\u00f2ric d&#039;estil modernista&quot;},{&quot;src&quot;:&quot;https:\\\/\\\/www.garciafaura.com\\\/wp-content\\\/uploads\\\/2018\\\/11\\\/Teatre-Principal-Terrassa-27.jpg&quot;,&quot;title&quot;:&quot;Rehabilitaci\\u00f3 integral en ferro, vidre i alumini d&#039;aquest edific hist\\u00f2ric d&#039;estil modernista&quot;},{&quot;src&quot;:&quot;https:\\\/\\\/www.garciafaura.com\\\/wp-content\\\/uploads\\\/2018\\\/11\\\/Teatre-Principal-Terrassa-26.jpg&quot;,&quot;title&quot;:&quot;Rehabilitaci\\u00f3 integral en ferro, vidre i alumini d&#039;aquest edific hist\\u00f2ric d&#039;estil modernista&quot;},{&quot;src&quot;:&quot;https:\\\/\\\/www.garciafaura.com\\\/wp-content\\\/uploads\\\/2018\\\/11\\\/Teatre-Principal-Terrassa-25.jpg&quot;,&quot;title&quot;:&quot;Rehabilitaci\\u00f3 integral en ferro, vidre i alumini d&#039;aquest edific hist\\u00f2ric d&#039;estil modernista&quot;},{&quot;src&quot;:&quot;https:\\\/\\\/www.garciafaura.com\\\/wp-content\\\/uploads\\\/2018\\\/11\\\/Teatre-Principal-Terrassa-24.jpg&quot;,&quot;title&quot;:&quot;Rehabilitaci\\u00f3 integral en ferro, vidre i alumini d&#039;aquest edific hist\\u00f2ric d&#039;estil modernistaRehabilitaci\\u00f3 integral en ferro, vidre i alumini d&#039;aquest edific hist\\u00f2ric d&#039;estil modernista&quot;},{&quot;src&quot;:&quot;https:\\\/\\\/www.garciafaura.com\\\/wp-content\\\/uploads\\\/2018\\\/11\\\/Teatre-Principal-Terrassa-23.jpg&quot;,&quot;title&quot;:&quot;Rehabilitaci\\u00f3 integral en ferro, vidre i alumini d&#039;aquest edific hist\\u00f2ric d&#039;estil modernista&quot;},{&quot;src&quot;:&quot;https:\\\/\\\/www.garciafaura.com\\\/wp-content\\\/uploads\\\/2018\\\/11\\\/Teatre-Principal-Terrassa-22.jpg&quot;,&quot;title&quot;:&quot;Rehabilitaci\\u00f3 integral en ferro, vidre i alumini d&#039;aquest edific hist\\u00f2ric d&#039;estil modernista&quot;},{&quot;src&quot;:&quot;https:\\\/\\\/www.garciafaura.com\\\/wp-content\\\/uploads\\\/2018\\\/11\\\/Teatre-Principal-Terrassa-21.jpg&quot;,&quot;title&quot;:&quot;Rehabilitaci\\u00f3 integral en ferro, vidre i alumini d&#039;aquest edific hist\\u00f2ric d&#039;estil modernista&quot;},{&quot;src&quot;:&quot;https:\\\/\\\/www.garciafaura.com\\\/wp-content\\\/uploads\\\/2018\\\/11\\\/Teatre-Principal-Terrassa-19.jpg&quot;,&quot;title&quot;:&quot;Rehabilitaci\\u00f3 integral en ferro, vidre i alumini d&#039;aquest edific hist\\u00f2ric d&#039;estil modernistaRehabilitaci\\u00f3 integral en ferro, vidre i alumini d&#039;aquest edific hist\\u00f2ric d&#039;estil modernista&quot;},{&quot;src&quot;:&quot;https:\\\/\\\/www.garciafaura.com\\\/wp-content\\\/uploads\\\/2018\\\/11\\\/Teatre-Principal-Terrassa-20.jpg&quot;,&quot;title&quot;:&quot;Rehabilitaci\\u00f3 integral en ferro, vidre i alumini d&#039;aquest edific hist\\u00f2ric d&#039;estil modernista&quot;},{&quot;src&quot;:&quot;https:\\\/\\\/www.garciafaura.com\\\/wp-content\\\/uploads\\\/2018\\\/11\\\/Teatre-Principal-Terrassa-18.jpg&quot;,&quot;title&quot;:&quot;Rehabilitaci\\u00f3 integral en ferro, vidre i alumini d&#039;aquest edific hist\\u00f2ric d&#039;estil modernista&quot;},{&quot;src&quot;:&quot;https:\\\/\\\/www.garciafaura.com\\\/wp-content\\\/uploads\\\/2018\\\/11\\\/Teatre-Principal-Terrassa-17.jpg&quot;,&quot;title&quot;:&quot;Rehabilitaci\\u00f3 integral en ferro, vidre i alumini d&#039;aquest edific hist\\u00f2ric d&#039;estil modernista&quot;},{&quot;src&quot;:&quot;https:\\\/\\\/www.garciafaura.com\\\/wp-content\\\/uploads\\\/2018\\\/11\\\/Teatre-Principal-Terrassa-16.jpg&quot;,&quot;title&quot;:&quot;Rehabilitaci\\u00f3 integral en ferro, vidre i alumini d&#039;aquest edific hist\\u00f2ric d&#039;estil modernista&quot;},{&quot;src&quot;:&quot;https:\\\/\\\/www.garciafaura.com\\\/wp-content\\\/uploads\\\/2018\\\/11\\\/Teatre-Principal-Terrassa-15.jpg&quot;,&quot;title&quot;:&quot;Rehabilitaci\\u00f3 integral en ferro, vidre i alumini d&#039;aquest edific hist\\u00f2ric d&#039;estil modernista&quot;},{&quot;src&quot;:&quot;https:\\\/\\\/www.garciafaura.com\\\/wp-content\\\/uploads\\\/2018\\\/11\\\/Teatre-Principal-Terrassa-14.jpg&quot;,&quot;title&quot;:&quot;Rehabilitaci\\u00f3 integral en ferro, vidre i alumini d&#039;aquest edific hist\\u00f2ric d&#039;estil modernista&quot;},{&quot;src&quot;:&quot;https:\\\/\\\/www.garciafaura.com\\\/wp-content\\\/uploads\\\/2018\\\/11\\\/Teatre-Principal-Terrassa-13.jpg&quot;,&quot;title&quot;:&quot;Rehabilitaci\\u00f3 integral en ferro, vidre i alumini d&#039;aquest edific hist\\u00f2ric d&#039;estil modernista&quot;},{&quot;src&quot;:&quot;https:\\\/\\\/www.garciafaura.com\\\/wp-content\\\/uploads\\\/2018\\\/11\\\/Teatre-Principal-Terrassa-12.jpg&quot;,&quot;title&quot;:&quot;Rehabilitaci\\u00f3 integral en ferro, vidre i alumini d&#039;aquest edific hist\\u00f2ric d&#039;estil modernista&quot;},{&quot;src&quot;:&quot;https:\\\/\\\/www.garciafaura.com\\\/wp-content\\\/uploads\\\/2018\\\/11\\\/Teatre-Principal-Terrassa-11.jpg&quot;,&quot;title&quot;:&quot;Rehabilitaci\\u00f3 integral en ferro, vidre i alumini d&#039;aquest edific hist\\u00f2ric d&#039;estil modernista&quot;},{&quot;src&quot;:&quot;https:\\\/\\\/www.garciafaura.com\\\/wp-content\\\/uploads\\\/2018\\\/11\\\/Teatre-Principal-Terrassa-10.jpg&quot;,&quot;title&quot;:&quot;Rehabilitaci\\u00f3 integral en ferro, vidre i alumini d&#039;aquest edific hist\\u00f2ric d&#039;estil modernista&quot;},{&quot;src&quot;:&quot;https:\\\/\\\/www.garciafaura.com\\\/wp-content\\\/uploads\\\/2018\\\/11\\\/Teatre-Principal-Terrassa-09.jpg&quot;,&quot;title&quot;:&quot;Rehabilitaci\\u00f3 integral en ferro, vidre i alumini d&#039;aquest edific hist\\u00f2ric d&#039;estil modernista&quot;},{&quot;src&quot;:&quot;https:\\\/\\\/www.garciafaura.com\\\/wp-content\\\/uploads\\\/2018\\\/11\\\/Teatre-Principal-Terrassa-08.jpg&quot;,&quot;title&quot;:&quot;Rehabilitaci\\u00f3 integral en ferro, vidre i alumini d&#039;aquest edific hist\\u00f2ric d&#039;estil modernista&quot;},{&quot;src&quot;:&quot;https:\\\/\\\/www.garciafaura.com\\\/wp-content\\\/uploads\\\/2018\\\/11\\\/Teatre-Principal-Terrassa-07.jpg&quot;,&quot;title&quot;:&quot;Rehabilitaci\\u00f3 integral en ferro, vidre i alumini d&#039;aquest edific hist\\u00f2ric d&#039;estil modernista&quot;},{&quot;src&quot;:&quot;https:\\\/\\\/www.garciafaura.com\\\/wp-content\\\/uploads\\\/2018\\\/11\\\/Teatre-Principal-Terrassa-06.jpg&quot;,&quot;title&quot;:&quot;Rehabilitaci\\u00f3 integral en ferro, vidre i alumini d&#039;aquest edific hist\\u00f2ric d&#039;estil modernista&quot;},{&quot;src&quot;:&quot;https:\\\/\\\/www.garciafaura.com\\\/wp-content\\\/uploads\\\/2018\\\/11\\\/Teatre-Principal-Terrassa-05.jpg&quot;,&quot;title&quot;:&quot;Rehabilitaci\\u00f3 integral en ferro, vidre i alumini d&#039;aquest edific hist\\u00f2ric d&#039;estil modernista&quot;},{&quot;src&quot;:&quot;https:\\\/\\\/www.garciafaura.com\\\/wp-content\\\/uploads\\\/2018\\\/11\\\/Teatre-Principal-Terrassa-04.jpg&quot;,&quot;title&quot;:&quot;Rehabilitaci\\u00f3 integral en ferro, vidre i alumini d&#039;aquest edific hist\\u00f2ric d&#039;estil modernista&quot;},{&quot;src&quot;:&quot;https:\\\/\\\/www.garciafaura.com\\\/wp-content\\\/uploads\\\/2018\\\/11\\\/Teatre-Principal-Terrassa-03.jpg&quot;,&quot;title&quot;:&quot;Rehabilitaci\\u00f3 integral en ferro, vidre i alumini d&#039;aquest edific hist\\u00f2ric d&#039;estil modernista&quot;},{&quot;src&quot;:&quot;https:\\\/\\\/www.garciafaura.com\\\/wp-content\\\/uploads\\\/2018\\\/11\\\/Teatre-Principal-Terrassa-02.jpg&quot;,&quot;title&quot;:&quot;Rehabilitaci\\u00f3 integral en ferro, vidre i alumini d&#039;aquest edific hist\\u00f2ric d&#039;estil modernista&quot;},{&quot;src&quot;:&quot;https:\\\/\\\/www.garciafaura.com\\\/wp-content\\\/uploads\\\/2018\\\/11\\\/Teatre-Principal-Terrassa-01.jpg&quot;,&quot;title&quot;:&quot;Rehabilitaci\\u00f3 integral en ferro, vidre i alumini d&#039;aquest edific hist\\u00f2ric d&#039;estil modernista&quot;},{&quot;src&quot;:&quot;https:\\\/\\\/www.garciafaura.com\\\/wp-content\\\/uploads\\\/2018\\\/11\\\/Teatre-Principal-Terrassa-34.jpg&quot;,&quot;title&quot;:&quot;Rehabilitaci\\u00f3 integral en ferro, vidre i alumini d&#039;aquest edific hist\\u00f2ric d&#039;estil modernista&quot;},{&quot;src&quot;:&quot;https:\\\/\\\/www.garciafaura.com\\\/wp-content\\\/uploads\\\/2018\\\/11\\\/Teatre-Principal-Terrassa-35.jpg&quot;,&quot;title&quot;:&quot;Rehabilitaci\\u00f3 integral en ferro, vidre i alumini d&#039;aquest edific hist\\u00f2ric d&#039;estil modernistaRehabilitaci\\u00f3 integral en ferro, vidre i alumini d&#039;aquest edific hist\\u00f2ric d&#039;estil modernista&quot;}]\"><img decoding=\"async\" data-no-lazy=\"1\" class=\"portfolio-entry-img skip-lazy\" src=\"https:\/\/www.garciafaura.com\/wp-content\/uploads\/2018\/11\/Teatre-Principal-Terrassa-33-x.jpg\" alt=\"R\u00e9habilitation Int\u00e9grale En Fer, Verre Et Aluminium Pour Ce B\u00e2timent Historique De Style Moderniste\" data-no-retina \/><\/a><\/div><div class=\"portfolio-entry-details entry-details wpex-clr\"><h2 class=\"portfolio-entry-title entry-title\"><a href=\"https:\/\/www.garciafaura.com\/fr\/portfolio-item\/theatre-principal-de-terrassa\/\" title=\"Th\u00e9\u00e2tre Principal de Terrassa\">Th\u00e9\u00e2tre Principal de Terrassa<\/a><\/h2><div class=\"portfolio-entry-categories entry-categories wpex-clr\"><a href=\"https:\/\/www.garciafaura.com\/fr\/portfolio-category\/batiments-de-services\/\" class=\"term-75\">B\u00e2timents de Services<\/a><\/div><\/div><\/div><\/div><div class=\"portfolio-entry vcex-grid-item entry-has-details span_1_of_3 col col-1 vcex-isotope-entry vcex-no-margin-entry post-20335 entry type-portfolio has-media cat-75 translation_priority-5\"><div class=\"portfolio-entry-inner entry-inner wpex-clr\"><div class=\"portfolio-entry-media entry-media wpex-clr\"><a href=\"https:\/\/www.garciafaura.com\/wp-content\/uploads\/2018\/11\/Biblioteca-Sant-Joan-Despi\u0301-01.jpg\" title=\"Biblioth\u00e8que Sant Joan Desp\u00ed\" class=\"portfolio-entry-media-link wpex-lightbox-gallery\" data-gallery=\"[{&quot;src&quot;:&quot;https:\\\/\\\/www.garciafaura.com\\\/wp-content\\\/uploads\\\/2018\\\/11\\\/Biblioteca-Sant-Joan-Despi\\u0301-01.jpg&quot;,&quot;title&quot;:&quot;Fermetures en profil\\u00e9s d&#039;acier et murs-rideaux pour ce b\\u00e2timent public&quot;},{&quot;src&quot;:&quot;https:\\\/\\\/www.garciafaura.com\\\/wp-content\\\/uploads\\\/2018\\\/11\\\/Biblioteca-Sant-Joan-Despi\\u0301-29.jpg&quot;,&quot;title&quot;:&quot;Tancaments amb perfileria d&#039;acer i murs cortina d&#039;aquest equipament p\\u00fablic&quot;},{&quot;src&quot;:&quot;https:\\\/\\\/www.garciafaura.com\\\/wp-content\\\/uploads\\\/2018\\\/11\\\/Biblioteca-Sant-Joan-Despi\\u0301-28.jpg&quot;,&quot;title&quot;:&quot;Tancaments amb perfileria d&#039;acer i murs cortina d&#039;aquest equipament p\\u00fablic&quot;},{&quot;src&quot;:&quot;https:\\\/\\\/www.garciafaura.com\\\/wp-content\\\/uploads\\\/2018\\\/11\\\/Biblioteca-Sant-Joan-Despi\\u0301-27.jpg&quot;,&quot;title&quot;:&quot;Tancaments amb perfileria d&#039;acer i murs cortina d&#039;aquest equipament p\\u00fablic&quot;},{&quot;src&quot;:&quot;https:\\\/\\\/www.garciafaura.com\\\/wp-content\\\/uploads\\\/2018\\\/11\\\/Biblioteca-Sant-Joan-Despi\\u0301-26.jpg&quot;,&quot;title&quot;:&quot;Tancaments amb perfileria d&#039;acer i murs cortina d&#039;aquest equipament p\\u00fablic&quot;},{&quot;src&quot;:&quot;https:\\\/\\\/www.garciafaura.com\\\/wp-content\\\/uploads\\\/2018\\\/11\\\/Biblioteca-Sant-Joan-Despi\\u0301-25.jpg&quot;,&quot;title&quot;:&quot;Tancaments amb perfileria d&#039;acer i murs cortina d&#039;aquest equipament p\\u00fablic&quot;},{&quot;src&quot;:&quot;https:\\\/\\\/www.garciafaura.com\\\/wp-content\\\/uploads\\\/2018\\\/11\\\/Biblioteca-Sant-Joan-Despi\\u0301-24.jpg&quot;,&quot;title&quot;:&quot;Tancaments amb perfileria d&#039;acer i murs cortina d&#039;aquest equipament p\\u00fablic&quot;},{&quot;src&quot;:&quot;https:\\\/\\\/www.garciafaura.com\\\/wp-content\\\/uploads\\\/2018\\\/11\\\/Biblioteca-Sant-Joan-Despi\\u0301-23.jpg&quot;,&quot;title&quot;:&quot;Tancaments amb perfileria d&#039;acer i murs cortina d&#039;aquest equipament p\\u00fablic&quot;},{&quot;src&quot;:&quot;https:\\\/\\\/www.garciafaura.com\\\/wp-content\\\/uploads\\\/2018\\\/11\\\/Biblioteca-Sant-Joan-Despi\\u0301-22.jpg&quot;,&quot;title&quot;:&quot;Tancaments amb perfileria d&#039;acer i murs cortina d&#039;aquest equipament p\\u00fablic&quot;},{&quot;src&quot;:&quot;https:\\\/\\\/www.garciafaura.com\\\/wp-content\\\/uploads\\\/2018\\\/11\\\/Biblioteca-Sant-Joan-Despi\\u0301-21.jpg&quot;,&quot;title&quot;:&quot;Tancaments amb perfileria d&#039;acer i murs cortina d&#039;aquest equipament p\\u00fablic&quot;},{&quot;src&quot;:&quot;https:\\\/\\\/www.garciafaura.com\\\/wp-content\\\/uploads\\\/2018\\\/11\\\/Biblioteca-Sant-Joan-Despi\\u0301-20.jpg&quot;,&quot;title&quot;:&quot;Tancaments amb perfileria d&#039;acer i murs cortina d&#039;aquest equipament p\\u00fablic&quot;},{&quot;src&quot;:&quot;https:\\\/\\\/www.garciafaura.com\\\/wp-content\\\/uploads\\\/2018\\\/11\\\/Biblioteca-Sant-Joan-Despi\\u0301-19.jpg&quot;,&quot;title&quot;:&quot;Tancaments amb perfileria d&#039;acer i murs cortina d&#039;aquest equipament p\\u00fablic&quot;},{&quot;src&quot;:&quot;https:\\\/\\\/www.garciafaura.com\\\/wp-content\\\/uploads\\\/2018\\\/11\\\/Biblioteca-Sant-Joan-Despi\\u0301-18.jpg&quot;,&quot;title&quot;:&quot;Tancaments amb perfileria d&#039;acer i murs cortina d&#039;aquest equipament p\\u00fablic&quot;},{&quot;src&quot;:&quot;https:\\\/\\\/www.garciafaura.com\\\/wp-content\\\/uploads\\\/2018\\\/11\\\/Biblioteca-Sant-Joan-Despi\\u0301-17.jpg&quot;,&quot;title&quot;:&quot;Tancaments amb perfileria d&#039;acer i murs cortina d&#039;aquest equipament p\\u00fablic&quot;},{&quot;src&quot;:&quot;https:\\\/\\\/www.garciafaura.com\\\/wp-content\\\/uploads\\\/2018\\\/11\\\/Biblioteca-Sant-Joan-Despi\\u0301-16.jpg&quot;,&quot;title&quot;:&quot;Tancaments amb perfileria d&#039;acer i murs cortina d&#039;aquest equipament p\\u00fablic&quot;},{&quot;src&quot;:&quot;https:\\\/\\\/www.garciafaura.com\\\/wp-content\\\/uploads\\\/2018\\\/11\\\/Biblioteca-Sant-Joan-Despi\\u0301-15.jpg&quot;,&quot;title&quot;:&quot;Tancaments amb perfileria d&#039;acer i murs cortina d&#039;aquest equipament p\\u00fablic&quot;},{&quot;src&quot;:&quot;https:\\\/\\\/www.garciafaura.com\\\/wp-content\\\/uploads\\\/2018\\\/11\\\/Biblioteca-Sant-Joan-Despi\\u0301-14.jpg&quot;,&quot;title&quot;:&quot;Tancaments amb perfileria d&#039;acer i murs cortina d&#039;aquest equipament p\\u00fablic&quot;},{&quot;src&quot;:&quot;https:\\\/\\\/www.garciafaura.com\\\/wp-content\\\/uploads\\\/2018\\\/11\\\/Biblioteca-Sant-Joan-Despi\\u0301-13.jpg&quot;,&quot;title&quot;:&quot;Tancaments amb perfileria d&#039;acer i murs cortina d&#039;aquest equipament p\\u00fablic&quot;},{&quot;src&quot;:&quot;https:\\\/\\\/www.garciafaura.com\\\/wp-content\\\/uploads\\\/2018\\\/11\\\/Biblioteca-Sant-Joan-Despi\\u0301-12.jpg&quot;,&quot;title&quot;:&quot;Tancaments amb perfileria d&#039;acer i murs cortina d&#039;aquest equipament p\\u00fablic&quot;},{&quot;src&quot;:&quot;https:\\\/\\\/www.garciafaura.com\\\/wp-content\\\/uploads\\\/2018\\\/11\\\/Biblioteca-Sant-Joan-Despi\\u0301-11.jpg&quot;,&quot;title&quot;:&quot;Tancaments amb perfileria d&#039;acer i murs cortina d&#039;aquest equipament p\\u00fablic&quot;},{&quot;src&quot;:&quot;https:\\\/\\\/www.garciafaura.com\\\/wp-content\\\/uploads\\\/2018\\\/11\\\/Biblioteca-Sant-Joan-Despi\\u0301-10.jpg&quot;,&quot;title&quot;:&quot;Tancaments amb perfileria d&#039;acer i murs cortina d&#039;aquest equipament p\\u00fablic&quot;},{&quot;src&quot;:&quot;https:\\\/\\\/www.garciafaura.com\\\/wp-content\\\/uploads\\\/2018\\\/11\\\/Biblioteca-Sant-Joan-Despi\\u0301-09.jpg&quot;,&quot;title&quot;:&quot;Tancaments amb perfileria d&#039;acer i murs cortina d&#039;aquest equipament p\\u00fablic&quot;},{&quot;src&quot;:&quot;https:\\\/\\\/www.garciafaura.com\\\/wp-content\\\/uploads\\\/2018\\\/11\\\/Biblioteca-Sant-Joan-Despi\\u0301-08.jpg&quot;,&quot;title&quot;:&quot;Tancaments amb perfileria d&#039;acer i murs cortina d&#039;aquest equipament p\\u00fablic&quot;},{&quot;src&quot;:&quot;https:\\\/\\\/www.garciafaura.com\\\/wp-content\\\/uploads\\\/2018\\\/11\\\/Biblioteca-Sant-Joan-Despi\\u0301-07.jpg&quot;,&quot;title&quot;:&quot;Tancaments amb perfileria d&#039;acer i murs cortina d&#039;aquest equipament p\\u00fablic&quot;},{&quot;src&quot;:&quot;https:\\\/\\\/www.garciafaura.com\\\/wp-content\\\/uploads\\\/2018\\\/11\\\/Biblioteca-Sant-Joan-Despi\\u0301-06.jpg&quot;,&quot;title&quot;:&quot;Tancaments amb perfileria d&#039;acer i murs cortina d&#039;aquest equipament p\\u00fablic&quot;},{&quot;src&quot;:&quot;https:\\\/\\\/www.garciafaura.com\\\/wp-content\\\/uploads\\\/2018\\\/11\\\/Biblioteca-Sant-Joan-Despi\\u0301-05.jpg&quot;,&quot;title&quot;:&quot;Tancaments amb perfileria d&#039;acer i murs cortina d&#039;aquest equipament p\\u00fablic&quot;},{&quot;src&quot;:&quot;https:\\\/\\\/www.garciafaura.com\\\/wp-content\\\/uploads\\\/2018\\\/11\\\/Biblioteca-Sant-Joan-Despi\\u0301-04.jpg&quot;,&quot;title&quot;:&quot;Tancaments amb perfileria d&#039;acer i murs cortina d&#039;aquest equipament p\\u00fablic&quot;},{&quot;src&quot;:&quot;https:\\\/\\\/www.garciafaura.com\\\/wp-content\\\/uploads\\\/2018\\\/11\\\/Biblioteca-Sant-Joan-Despi\\u0301-03.jpg&quot;,&quot;title&quot;:&quot;Tancaments amb perfileria d&#039;acer i murs cortina d&#039;aquest equipament p\\u00fablic&quot;},{&quot;src&quot;:&quot;https:\\\/\\\/www.garciafaura.com\\\/wp-content\\\/uploads\\\/2018\\\/11\\\/Biblioteca-Sant-Joan-Despi\\u0301-02.jpg&quot;,&quot;title&quot;:&quot;Tancaments amb perfileria d&#039;acer i murs cortina d&#039;aquest equipament p\\u00fablic&quot;}]\"><img decoding=\"async\" data-no-lazy=\"1\" class=\"portfolio-entry-img skip-lazy\" src=\"https:\/\/www.garciafaura.com\/wp-content\/uploads\/2018\/11\/Biblioteca-Sant-Joan-Despi\u0301-01-x.jpg\" alt=\"Fermetures En Profil\u00e9s D'acier Et Murs-rideaux Pour Ce B\u00e2timent Public\" data-no-retina \/><\/a><\/div><div class=\"portfolio-entry-details entry-details wpex-clr\"><h2 class=\"portfolio-entry-title entry-title\"><a href=\"https:\/\/www.garciafaura.com\/fr\/portfolio-item\/bibliotheque-sant-joan-despi\/\" title=\"Biblioth\u00e8que Sant Joan Desp\u00ed\">Biblioth\u00e8que Sant Joan Desp\u00ed<\/a><\/h2><div class=\"portfolio-entry-categories entry-categories wpex-clr\"><a href=\"https:\/\/www.garciafaura.com\/fr\/portfolio-category\/batiments-de-services\/\" class=\"term-75\">B\u00e2timents de Services<\/a><\/div><\/div><\/div><\/div><div class=\"portfolio-entry vcex-grid-item entry-has-details span_1_of_3 col col-2 vcex-isotope-entry vcex-no-margin-entry post-20334 entry type-portfolio has-media cat-75 translation_priority-5\"><div class=\"portfolio-entry-inner entry-inner wpex-clr\"><div class=\"portfolio-entry-media entry-media wpex-clr\"><a href=\"https:\/\/www.garciafaura.com\/wp-content\/uploads\/2018\/11\/Hospital-Sant-Joan-De\u0301u-Numa\u0300ncia-22.jpg\" title=\"H\u00f4pital Sant Joan de D\u00e9u Num\u00e0ncia\" class=\"portfolio-entry-media-link wpex-lightbox-gallery\" data-gallery=\"[{&quot;src&quot;:&quot;https:\\\/\\\/www.garciafaura.com\\\/wp-content\\\/uploads\\\/2018\\\/11\\\/Hospital-Sant-Joan-De\\u0301u-Numa\\u0300ncia-22.jpg&quot;,&quot;title&quot;:&quot;Ensemble de fermetures, travaux de t\\u00f4le et doublages pour cet \\u00e9tablissement hospitalier&quot;},{&quot;src&quot;:&quot;https:\\\/\\\/www.garciafaura.com\\\/wp-content\\\/uploads\\\/2018\\\/11\\\/Hospital-Sant-Joan-De\\u0301u-Numa\\u0300ncia-21.jpg&quot;,&quot;title&quot;:&quot;Conjunt de tancaments, treballs en xapa i folrats d&#039;aquest centre hospitalari&quot;},{&quot;src&quot;:&quot;https:\\\/\\\/www.garciafaura.com\\\/wp-content\\\/uploads\\\/2018\\\/11\\\/Hospital-Sant-Joan-De\\u0301u-Numa\\u0300ncia-20.jpg&quot;,&quot;title&quot;:&quot;Conjunt de tancaments, treballs en xapa i folrats d&#039;aquest centre hospitalari&quot;},{&quot;src&quot;:&quot;https:\\\/\\\/www.garciafaura.com\\\/wp-content\\\/uploads\\\/2018\\\/11\\\/Hospital-Sant-Joan-De\\u0301u-Numa\\u0300ncia-19.jpg&quot;,&quot;title&quot;:&quot;Conjunt de tancaments, treballs en xapa i folrats d&#039;aquest centre hospitalari&quot;},{&quot;src&quot;:&quot;https:\\\/\\\/www.garciafaura.com\\\/wp-content\\\/uploads\\\/2018\\\/11\\\/Hospital-Sant-Joan-De\\u0301u-Numa\\u0300ncia-18.jpg&quot;,&quot;title&quot;:&quot;Conjunt de tancaments, treballs en xapa i folrats d&#039;aquest centre hospitalari&quot;},{&quot;src&quot;:&quot;https:\\\/\\\/www.garciafaura.com\\\/wp-content\\\/uploads\\\/2018\\\/11\\\/Hospital-Sant-Joan-De\\u0301u-Numa\\u0300ncia-17.jpg&quot;,&quot;title&quot;:&quot;Conjunt de tancaments, treballs en xapa i folrats d&#039;aquest centre hospitalari&quot;},{&quot;src&quot;:&quot;https:\\\/\\\/www.garciafaura.com\\\/wp-content\\\/uploads\\\/2018\\\/11\\\/Hospital-Sant-Joan-De\\u0301u-Numa\\u0300ncia-16.jpg&quot;,&quot;title&quot;:&quot;Conjunt de tancaments, treballs en xapa i folrats d&#039;aquest centre hospitalari&quot;},{&quot;src&quot;:&quot;https:\\\/\\\/www.garciafaura.com\\\/wp-content\\\/uploads\\\/2018\\\/11\\\/Hospital-Sant-Joan-De\\u0301u-Numa\\u0300ncia-15.jpg&quot;,&quot;title&quot;:&quot;Conjunt de tancaments, treballs en xapa i folrats d&#039;aquest centre hospitalari&quot;},{&quot;src&quot;:&quot;https:\\\/\\\/www.garciafaura.com\\\/wp-content\\\/uploads\\\/2018\\\/11\\\/Hospital-Sant-Joan-De\\u0301u-Numa\\u0300ncia-14.jpg&quot;,&quot;title&quot;:&quot;Conjunt de tancaments, treballs en xapa i folrats d&#039;aquest centre hospitalari&quot;},{&quot;src&quot;:&quot;https:\\\/\\\/www.garciafaura.com\\\/wp-content\\\/uploads\\\/2018\\\/11\\\/Hospital-Sant-Joan-De\\u0301u-Numa\\u0300ncia-13.jpg&quot;,&quot;title&quot;:&quot;Conjunt de tancaments, treballs en xapa i folrats d&#039;aquest centre hospitalari&quot;},{&quot;src&quot;:&quot;https:\\\/\\\/www.garciafaura.com\\\/wp-content\\\/uploads\\\/2018\\\/11\\\/Hospital-Sant-Joan-De\\u0301u-Numa\\u0300ncia-12.jpg&quot;,&quot;title&quot;:&quot;Conjunt de tancaments, treballs en xapa i folrats d&#039;aquest centre hospitalari&quot;},{&quot;src&quot;:&quot;https:\\\/\\\/www.garciafaura.com\\\/wp-content\\\/uploads\\\/2018\\\/11\\\/Hospital-Sant-Joan-De\\u0301u-Numa\\u0300ncia-11.jpg&quot;,&quot;title&quot;:&quot;Conjunt de tancaments, treballs en xapa i folrats d&#039;aquest centre hospitalari&quot;},{&quot;src&quot;:&quot;https:\\\/\\\/www.garciafaura.com\\\/wp-content\\\/uploads\\\/2018\\\/11\\\/Hospital-Sant-Joan-De\\u0301u-Numa\\u0300ncia-10.jpg&quot;,&quot;title&quot;:&quot;Conjunt de tancaments, treballs en xapa i folrats d&#039;aquest centre hospitalari&quot;},{&quot;src&quot;:&quot;https:\\\/\\\/www.garciafaura.com\\\/wp-content\\\/uploads\\\/2018\\\/11\\\/Hospital-Sant-Joan-De\\u0301u-Numa\\u0300ncia-09.jpg&quot;,&quot;title&quot;:&quot;Conjunt de tancaments, treballs en xapa i folrats d&#039;aquest centre hospitalari&quot;},{&quot;src&quot;:&quot;https:\\\/\\\/www.garciafaura.com\\\/wp-content\\\/uploads\\\/2018\\\/11\\\/Hospital-Sant-Joan-De\\u0301u-Numa\\u0300ncia-08.jpg&quot;,&quot;title&quot;:&quot;Conjunt de tancaments, treballs en xapa i folrats d&#039;aquest centre hospitalari&quot;},{&quot;src&quot;:&quot;https:\\\/\\\/www.garciafaura.com\\\/wp-content\\\/uploads\\\/2018\\\/11\\\/Hospital-Sant-Joan-De\\u0301u-Numa\\u0300ncia-07.jpg&quot;,&quot;title&quot;:&quot;Conjunt de tancaments, treballs en xapa i folrats d&#039;aquest centre hospitalari&quot;},{&quot;src&quot;:&quot;https:\\\/\\\/www.garciafaura.com\\\/wp-content\\\/uploads\\\/2018\\\/11\\\/Hospital-Sant-Joan-De\\u0301u-Numa\\u0300ncia-06.jpg&quot;,&quot;title&quot;:&quot;Conjunt de tancaments, treballs en xapa i folrats d&#039;aquest centre hospitalari&quot;},{&quot;src&quot;:&quot;https:\\\/\\\/www.garciafaura.com\\\/wp-content\\\/uploads\\\/2018\\\/11\\\/Hospital-Sant-Joan-De\\u0301u-Numa\\u0300ncia-05.jpg&quot;,&quot;title&quot;:&quot;Conjunt de tancaments, treballs en xapa i folrats d&#039;aquest centre hospitalari&quot;},{&quot;src&quot;:&quot;https:\\\/\\\/www.garciafaura.com\\\/wp-content\\\/uploads\\\/2018\\\/11\\\/Hospital-Sant-Joan-De\\u0301u-Numa\\u0300ncia-04.jpg&quot;,&quot;title&quot;:&quot;Conjunt de tancaments, treballs en xapa i folrats d&#039;aquest centre hospitalari&quot;},{&quot;src&quot;:&quot;https:\\\/\\\/www.garciafaura.com\\\/wp-content\\\/uploads\\\/2018\\\/11\\\/Hospital-Sant-Joan-De\\u0301u-Numa\\u0300ncia-03.jpg&quot;,&quot;title&quot;:&quot;Conjunt de tancaments, treballs en xapa i folrats d&#039;aquest centre hospitalari&quot;},{&quot;src&quot;:&quot;https:\\\/\\\/www.garciafaura.com\\\/wp-content\\\/uploads\\\/2018\\\/11\\\/Hospital-Sant-Joan-De\\u0301u-Numa\\u0300ncia-02.jpg&quot;,&quot;title&quot;:&quot;Conjunt de tancaments, treballs en xapa i folrats d&#039;aquest centre hospitalari&quot;},{&quot;src&quot;:&quot;https:\\\/\\\/www.garciafaura.com\\\/wp-content\\\/uploads\\\/2018\\\/11\\\/Hospital-Sant-Joan-De\\u0301u-Numa\\u0300ncia-01.jpg&quot;,&quot;title&quot;:&quot;Conjunt de tancaments, treballs en xapa i folrats d&#039;aquest centre hospitalari&quot;}]\"><img decoding=\"async\" data-no-lazy=\"1\" class=\"portfolio-entry-img skip-lazy\" src=\"https:\/\/www.garciafaura.com\/wp-content\/uploads\/2018\/11\/Hospital-Sant-Joan-De\u0301u-Numa\u0300ncia-22-x.jpg\" alt=\"Ensemble De Fermetures, Travaux De T\u00f4le Et Doublages Pour Cet \u00e9tablissement Hospitalier\" data-no-retina \/><\/a><\/div><div class=\"portfolio-entry-details entry-details wpex-clr\"><h2 class=\"portfolio-entry-title entry-title\"><a href=\"https:\/\/www.garciafaura.com\/fr\/portfolio-item\/hopital-sant-joan-de-deu-numancia\/\" title=\"H\u00f4pital Sant Joan de D\u00e9u Num\u00e0ncia\">H\u00f4pital Sant Joan de D\u00e9u Num\u00e0ncia<\/a><\/h2><div class=\"portfolio-entry-categories entry-categories wpex-clr\"><a href=\"https:\/\/www.garciafaura.com\/fr\/portfolio-category\/batiments-de-services\/\" class=\"term-75\">B\u00e2timents de Services<\/a><\/div><\/div><\/div><\/div><div class=\"portfolio-entry vcex-grid-item entry-has-details span_1_of_3 col col-3 vcex-isotope-entry vcex-no-margin-entry post-20333 entry type-portfolio has-media cat-75 translation_priority-5\"><div class=\"portfolio-entry-inner entry-inner wpex-clr\"><div class=\"portfolio-entry-media entry-media wpex-clr\"><a href=\"https:\/\/www.garciafaura.com\/wp-content\/uploads\/2018\/11\/Tanatori-Sant-Joan-Despi\u0301-16.jpg\" title=\"Fun\u00e9rarium Sant Joan Desp\u00ed\" class=\"portfolio-entry-media-link wpex-lightbox-gallery\" data-gallery=\"[{&quot;src&quot;:&quot;https:\\\/\\\/www.garciafaura.com\\\/wp-content\\\/uploads\\\/2018\\\/11\\\/Tanatori-Sant-Joan-Despi\\u0301-01.jpg&quot;,&quot;title&quot;:&quot;Tancaments, vidrieria i treballs d&#039;acer amb tractament Cor-Ten&quot;},{&quot;src&quot;:&quot;https:\\\/\\\/www.garciafaura.com\\\/wp-content\\\/uploads\\\/2018\\\/11\\\/Tanatori-Sant-Joan-Despi\\u0301-19.jpg&quot;,&quot;title&quot;:&quot;Tancaments, vidrieria i treballs d&#039;acer amb tractament Cor-Ten&quot;},{&quot;src&quot;:&quot;https:\\\/\\\/www.garciafaura.com\\\/wp-content\\\/uploads\\\/2018\\\/11\\\/Tanatori-Sant-Joan-Despi\\u0301-20.jpg&quot;,&quot;title&quot;:&quot;Tancaments, vidrieria i treballs d&#039;acer amb tractament Cor-Ten&quot;},{&quot;src&quot;:&quot;https:\\\/\\\/www.garciafaura.com\\\/wp-content\\\/uploads\\\/2018\\\/11\\\/Tanatori-Sant-Joan-Despi\\u0301-18.jpg&quot;,&quot;title&quot;:&quot;Tancaments, vidrieria i treballs d&#039;acer amb tractament Cor-Ten&quot;},{&quot;src&quot;:&quot;https:\\\/\\\/www.garciafaura.com\\\/wp-content\\\/uploads\\\/2018\\\/11\\\/Tanatori-Sant-Joan-Despi\\u0301-17.jpg&quot;,&quot;title&quot;:&quot;Tancaments, vidrieria i treballs d&#039;acer amb tractament Cor-Ten&quot;},{&quot;src&quot;:&quot;https:\\\/\\\/www.garciafaura.com\\\/wp-content\\\/uploads\\\/2018\\\/11\\\/Tanatori-Sant-Joan-Despi\\u0301-16.jpg&quot;,&quot;title&quot;:&quot;Fermetures, verrerie et travaux en acier avec traitement Cor-Ten&quot;},{&quot;src&quot;:&quot;https:\\\/\\\/www.garciafaura.com\\\/wp-content\\\/uploads\\\/2018\\\/11\\\/Tanatori-Sant-Joan-Despi\\u0301-15.jpg&quot;,&quot;title&quot;:&quot;Tancaments, vidrieria i treballs d&#039;acer amb tractament Cor-Ten&quot;},{&quot;src&quot;:&quot;https:\\\/\\\/www.garciafaura.com\\\/wp-content\\\/uploads\\\/2018\\\/11\\\/Tanatori-Sant-Joan-Despi\\u0301-14.jpg&quot;,&quot;title&quot;:&quot;Tancaments, vidrieria i treballs d&#039;acer amb tractament Cor-Ten&quot;},{&quot;src&quot;:&quot;https:\\\/\\\/www.garciafaura.com\\\/wp-content\\\/uploads\\\/2018\\\/11\\\/Tanatori-Sant-Joan-Despi\\u0301-13.jpg&quot;,&quot;title&quot;:&quot;Tancaments, vidrieria i treballs d&#039;acer amb tractament Cor-Ten&quot;},{&quot;src&quot;:&quot;https:\\\/\\\/www.garciafaura.com\\\/wp-content\\\/uploads\\\/2018\\\/11\\\/Tanatori-Sant-Joan-Despi\\u0301-12.jpg&quot;,&quot;title&quot;:&quot;Tancaments, vidrieria i treballs d&#039;acer amb tractament Cor-Ten&quot;},{&quot;src&quot;:&quot;https:\\\/\\\/www.garciafaura.com\\\/wp-content\\\/uploads\\\/2018\\\/11\\\/Tanatori-Sant-Joan-Despi\\u0301-11.jpg&quot;,&quot;title&quot;:&quot;Tancaments, vidrieria i treballs d&#039;acer amb tractament Cor-Ten&quot;},{&quot;src&quot;:&quot;https:\\\/\\\/www.garciafaura.com\\\/wp-content\\\/uploads\\\/2018\\\/11\\\/Tanatori-Sant-Joan-Despi\\u0301-10.jpg&quot;,&quot;title&quot;:&quot;Tancaments, vidrieria i treballs d&#039;acer amb tractament Cor-Ten&quot;},{&quot;src&quot;:&quot;https:\\\/\\\/www.garciafaura.com\\\/wp-content\\\/uploads\\\/2018\\\/11\\\/Tanatori-Sant-Joan-Despi\\u0301-09.jpg&quot;,&quot;title&quot;:&quot;Tancaments, vidrieria i treballs d&#039;acer amb tractament Cor-Ten&quot;},{&quot;src&quot;:&quot;https:\\\/\\\/www.garciafaura.com\\\/wp-content\\\/uploads\\\/2018\\\/11\\\/Tanatori-Sant-Joan-Despi\\u0301-08.jpg&quot;,&quot;title&quot;:&quot;Tancaments, vidrieria i treballs d&#039;acer amb tractament Cor-Ten&quot;},{&quot;src&quot;:&quot;https:\\\/\\\/www.garciafaura.com\\\/wp-content\\\/uploads\\\/2018\\\/11\\\/Tanatori-Sant-Joan-Despi\\u0301-07.jpg&quot;,&quot;title&quot;:&quot;Tancaments, vidrieria i treballs d&#039;acer amb tractament Cor-Ten&quot;},{&quot;src&quot;:&quot;https:\\\/\\\/www.garciafaura.com\\\/wp-content\\\/uploads\\\/2018\\\/11\\\/Tanatori-Sant-Joan-Despi\\u0301-06.jpg&quot;,&quot;title&quot;:&quot;Tancaments, vidrieria i treballs d&#039;acer amb tractament Cor-Ten&quot;},{&quot;src&quot;:&quot;https:\\\/\\\/www.garciafaura.com\\\/wp-content\\\/uploads\\\/2018\\\/11\\\/Tanatori-Sant-Joan-Despi\\u0301-05.jpg&quot;,&quot;title&quot;:&quot;Tancaments, vidrieria i treballs d&#039;acer amb tractament Cor-Ten&quot;},{&quot;src&quot;:&quot;https:\\\/\\\/www.garciafaura.com\\\/wp-content\\\/uploads\\\/2018\\\/11\\\/Tanatori-Sant-Joan-Despi\\u0301-04.jpg&quot;,&quot;title&quot;:&quot;Tancaments, vidrieria i treballs d&#039;acer amb tractament Cor-Ten&quot;},{&quot;src&quot;:&quot;https:\\\/\\\/www.garciafaura.com\\\/wp-content\\\/uploads\\\/2018\\\/11\\\/Tanatori-Sant-Joan-Despi\\u0301-03.jpg&quot;,&quot;title&quot;:&quot;Tancaments, vidrieria i treballs d&#039;acer amb tractament Cor-Ten&quot;},{&quot;src&quot;:&quot;https:\\\/\\\/www.garciafaura.com\\\/wp-content\\\/uploads\\\/2018\\\/11\\\/Tanatori-Sant-Joan-Despi\\u0301-02.jpg&quot;,&quot;title&quot;:&quot;Tancaments, vidrieria i treballs d&#039;acer amb tractament Cor-Ten&quot;}]\"><img decoding=\"async\" data-no-lazy=\"1\" class=\"portfolio-entry-img skip-lazy\" src=\"https:\/\/www.garciafaura.com\/wp-content\/uploads\/2018\/11\/Tanatori-Sant-Joan-Despi\u0301-16-x.jpg\" alt=\"Fermetures, Verrerie Et Travaux En Acier Avec Traitement Cor-Ten\" data-no-retina \/><\/a><\/div><div class=\"portfolio-entry-details entry-details wpex-clr\"><h2 class=\"portfolio-entry-title entry-title\"><a href=\"https:\/\/www.garciafaura.com\/fr\/portfolio-item\/funerarium-sant-joan-despi\/\" title=\"Fun\u00e9rarium Sant Joan Desp\u00ed\">Fun\u00e9rarium Sant Joan Desp\u00ed<\/a><\/h2><div class=\"portfolio-entry-categories entry-categories wpex-clr\"><a href=\"https:\/\/www.garciafaura.com\/fr\/portfolio-category\/batiments-de-services\/\" class=\"term-75\">B\u00e2timents de Services<\/a><\/div><\/div><\/div><\/div><div class=\"portfolio-entry vcex-grid-item entry-has-details span_1_of_3 col col-1 vcex-isotope-entry vcex-no-margin-entry post-20331 entry type-portfolio has-media cat-75 cat-90 translation_priority-5\"><div class=\"portfolio-entry-inner entry-inner wpex-clr\"><div class=\"portfolio-entry-media entry-media wpex-clr\"><a href=\"https:\/\/www.garciafaura.com\/wp-content\/uploads\/2018\/11\/Centre-Cultura-Contempora\u0300nia-Barcelona-01.jpg\" title=\"Centre de Culture Contemporaine (CCCB)\" class=\"portfolio-entry-media-link wpex-lightbox-gallery\" data-gallery=\"[{&quot;src&quot;:&quot;https:\\\/\\\/www.garciafaura.com\\\/wp-content\\\/uploads\\\/2018\\\/11\\\/Centre-Cultura-Contempora\\u0300nia-Barcelona-01.jpg&quot;,&quot;title&quot;:&quot;Travaux en verre, fa\\u00e7ade et acc\\u00e8s pour cet embl\\u00e9matique immeuble de Barcelone&quot;},{&quot;src&quot;:&quot;https:\\\/\\\/www.garciafaura.com\\\/wp-content\\\/uploads\\\/2018\\\/11\\\/Centre-Cultura-Contempora\\u0300nia-Barcelona-11.jpg&quot;,&quot;title&quot;:&quot;Treballs de vidrieria, fa\\u00e7ana i accessos d&#039;aquest emblem\\u00e0tic equipament barcelon\\u00ed&quot;},{&quot;src&quot;:&quot;https:\\\/\\\/www.garciafaura.com\\\/wp-content\\\/uploads\\\/2018\\\/11\\\/Centre-Cultura-Contempora\\u0300nia-Barcelona-10.jpg&quot;,&quot;title&quot;:&quot;Treballs de vidrieria, fa\\u00e7ana i accessos d&#039;aquest emblem\\u00e0tic equipament barcelon\\u00ed&quot;},{&quot;src&quot;:&quot;https:\\\/\\\/www.garciafaura.com\\\/wp-content\\\/uploads\\\/2018\\\/11\\\/Centre-Cultura-Contempora\\u0300nia-Barcelona-09.jpg&quot;,&quot;title&quot;:&quot;Treballs de vidrieria, fa\\u00e7ana i accessos d&#039;aquest emblem\\u00e0tic equipament barcelon\\u00ed&quot;},{&quot;src&quot;:&quot;https:\\\/\\\/www.garciafaura.com\\\/wp-content\\\/uploads\\\/2018\\\/11\\\/Centre-Cultura-Contempora\\u0300nia-Barcelona-08.jpg&quot;,&quot;title&quot;:&quot;Treballs de vidrieria, fa\\u00e7ana i accessos d&#039;aquest emblem\\u00e0tic equipament barcelon\\u00ed&quot;},{&quot;src&quot;:&quot;https:\\\/\\\/www.garciafaura.com\\\/wp-content\\\/uploads\\\/2018\\\/11\\\/Centre-Cultura-Contempora\\u0300nia-Barcelona-06.jpg&quot;,&quot;title&quot;:&quot;Treballs de vidrieria, fa\\u00e7ana i accessos d&#039;aquest emblem\\u00e0tic equipament barcelon\\u00ed&quot;},{&quot;src&quot;:&quot;https:\\\/\\\/www.garciafaura.com\\\/wp-content\\\/uploads\\\/2018\\\/11\\\/Centre-Cultura-Contempora\\u0300nia-Barcelona-07.jpg&quot;,&quot;title&quot;:&quot;Treballs de vidrieria, fa\\u00e7ana i accessos d&#039;aquest emblem\\u00e0tic equipament barcelon\\u00ed&quot;},{&quot;src&quot;:&quot;https:\\\/\\\/www.garciafaura.com\\\/wp-content\\\/uploads\\\/2018\\\/11\\\/Centre-Cultura-Contempora\\u0300nia-Barcelona-05.jpg&quot;,&quot;title&quot;:&quot;Treballs de vidrieria, fa\\u00e7ana i accessos d&#039;aquest emblem\\u00e0tic equipament barcelon\\u00ed&quot;},{&quot;src&quot;:&quot;https:\\\/\\\/www.garciafaura.com\\\/wp-content\\\/uploads\\\/2018\\\/11\\\/Centre-Cultura-Contempora\\u0300nia-Barcelona-04.jpg&quot;,&quot;title&quot;:&quot;Treballs de vidrieria, fa\\u00e7ana i accessos d&#039;aquest emblem\\u00e0tic equipament barcelon\\u00ed&quot;},{&quot;src&quot;:&quot;https:\\\/\\\/www.garciafaura.com\\\/wp-content\\\/uploads\\\/2018\\\/11\\\/Centre-Cultura-Contempora\\u0300nia-Barcelona-03.jpg&quot;,&quot;title&quot;:&quot;Treballs de vidrieria, fa\\u00e7ana i accessos d&#039;aquest emblem\\u00e0tic equipament barcelon\\u00ed&quot;},{&quot;src&quot;:&quot;https:\\\/\\\/www.garciafaura.com\\\/wp-content\\\/uploads\\\/2018\\\/11\\\/Centre-Cultura-Contempora\\u0300nia-Barcelona-02.jpg&quot;,&quot;title&quot;:&quot;Treballs de vidrieria, fa\\u00e7ana i accessos d&#039;aquest emblem\\u00e0tic equipament barcelon\\u00ed&quot;}]\"><img decoding=\"async\" data-no-lazy=\"1\" class=\"portfolio-entry-img skip-lazy\" src=\"https:\/\/www.garciafaura.com\/wp-content\/uploads\/2018\/11\/Centre-Cultura-Contempora\u0300nia-Barcelona-01-x.jpg\" alt=\"Travaux En Verre, Fa\u00e7ade Et Acc\u00e8s Pour Cet Embl\u00e9matique Immeuble De Barcelone\" data-no-retina \/><\/a><\/div><div class=\"portfolio-entry-details entry-details wpex-clr\"><h2 class=\"portfolio-entry-title entry-title\"><a href=\"https:\/\/www.garciafaura.com\/fr\/portfolio-item\/centre-de-culture-contemporaine-cccb\/\" title=\"Centre de Culture Contemporaine (CCCB)\">Centre de Culture Contemporaine (CCCB)<\/a><\/h2><div class=\"portfolio-entry-categories entry-categories wpex-clr\"><a href=\"https:\/\/www.garciafaura.com\/fr\/portfolio-category\/batiments-de-services\/\" class=\"term-75\">B\u00e2timents de Services<\/a><\/div><\/div><\/div><\/div><div class=\"portfolio-entry vcex-grid-item entry-has-details span_1_of_3 col col-2 vcex-isotope-entry vcex-no-margin-entry post-20332 entry type-portfolio has-media cat-75 translation_priority-5\"><div class=\"portfolio-entry-inner entry-inner wpex-clr\"><div class=\"portfolio-entry-media entry-media wpex-clr\"><a href=\"https:\/\/www.garciafaura.com\/wp-content\/uploads\/2018\/11\/Reside\u0300ncia-Esclat-000.jpg\" title=\"R\u00e9sidence Esclat Marina\" class=\"portfolio-entry-media-link wpex-lightbox-gallery\" data-gallery=\"[{&quot;src&quot;:&quot;https:\\\/\\\/www.garciafaura.com\\\/wp-content\\\/uploads\\\/2018\\\/11\\\/Reside\\u0300ncia-Esclat-000.jpg&quot;},{&quot;src&quot;:&quot;https:\\\/\\\/www.garciafaura.com\\\/wp-content\\\/uploads\\\/2018\\\/11\\\/Reside\\u0300ncia-Esclat-00.jpg&quot;},{&quot;src&quot;:&quot;https:\\\/\\\/www.garciafaura.com\\\/wp-content\\\/uploads\\\/2018\\\/11\\\/Reside\\u0300ncia-Esclat-24.jpg&quot;,&quot;title&quot;:&quot;Tancaments i passarel\\u00b7la de vidre trepitjable en equipament assistencial&quot;},{&quot;src&quot;:&quot;https:\\\/\\\/www.garciafaura.com\\\/wp-content\\\/uploads\\\/2018\\\/11\\\/Reside\\u0300ncia-Esclat-23.jpg&quot;,&quot;title&quot;:&quot;Tancaments i passarel\\u00b7la de vidre trepitjable en equipament assistencial&quot;},{&quot;src&quot;:&quot;https:\\\/\\\/www.garciafaura.com\\\/wp-content\\\/uploads\\\/2018\\\/11\\\/Reside\\u0300ncia-Esclat-22.jpg&quot;,&quot;title&quot;:&quot;Tancaments i passarel\\u00b7la de vidre trepitjable en equipament assistencial&quot;},{&quot;src&quot;:&quot;https:\\\/\\\/www.garciafaura.com\\\/wp-content\\\/uploads\\\/2018\\\/11\\\/Reside\\u0300ncia-Esclat-21.jpg&quot;,&quot;title&quot;:&quot;Tancaments i passarel\\u00b7la de vidre trepitjable en equipament assistencial&quot;},{&quot;src&quot;:&quot;https:\\\/\\\/www.garciafaura.com\\\/wp-content\\\/uploads\\\/2018\\\/11\\\/Reside\\u0300ncia-Esclat-20.jpg&quot;,&quot;title&quot;:&quot;Tancaments i passarel\\u00b7la de vidre trepitjable en equipament assistencial&quot;},{&quot;src&quot;:&quot;https:\\\/\\\/www.garciafaura.com\\\/wp-content\\\/uploads\\\/2018\\\/11\\\/Reside\\u0300ncia-Esclat-19.jpg&quot;,&quot;title&quot;:&quot;Tancaments i passarel\\u00b7la de vidre trepitjable en equipament assistencial&quot;},{&quot;src&quot;:&quot;https:\\\/\\\/www.garciafaura.com\\\/wp-content\\\/uploads\\\/2018\\\/11\\\/Reside\\u0300ncia-Esclat-18.jpg&quot;,&quot;title&quot;:&quot;Tancaments i passarel\\u00b7la de vidre trepitjable en equipament assistencial&quot;},{&quot;src&quot;:&quot;https:\\\/\\\/www.garciafaura.com\\\/wp-content\\\/uploads\\\/2018\\\/11\\\/Reside\\u0300ncia-Esclat-17.jpg&quot;,&quot;title&quot;:&quot;Tancaments i passarel\\u00b7la de vidre trepitjable en equipament assistencial&quot;},{&quot;src&quot;:&quot;https:\\\/\\\/www.garciafaura.com\\\/wp-content\\\/uploads\\\/2018\\\/11\\\/Reside\\u0300ncia-Esclat-16.jpg&quot;,&quot;title&quot;:&quot;Tancaments i passarel\\u00b7la de vidre trepitjable en equipament assistencial&quot;},{&quot;src&quot;:&quot;https:\\\/\\\/www.garciafaura.com\\\/wp-content\\\/uploads\\\/2018\\\/11\\\/Reside\\u0300ncia-Esclat-15.jpg&quot;,&quot;title&quot;:&quot;Tancaments i passarel\\u00b7la de vidre trepitjable en equipament assistencial&quot;},{&quot;src&quot;:&quot;https:\\\/\\\/www.garciafaura.com\\\/wp-content\\\/uploads\\\/2018\\\/11\\\/Reside\\u0300ncia-Esclat-14.jpg&quot;,&quot;title&quot;:&quot;Tancaments i passarel\\u00b7la de vidre trepitjable en equipament assistencial&quot;},{&quot;src&quot;:&quot;https:\\\/\\\/www.garciafaura.com\\\/wp-content\\\/uploads\\\/2018\\\/11\\\/Reside\\u0300ncia-Esclat-13.jpg&quot;,&quot;title&quot;:&quot;Tancaments i passarel\\u00b7la de vidre trepitjable en equipament assistencial&quot;},{&quot;src&quot;:&quot;https:\\\/\\\/www.garciafaura.com\\\/wp-content\\\/uploads\\\/2018\\\/11\\\/Reside\\u0300ncia-Esclat-12.jpg&quot;,&quot;title&quot;:&quot;Tancaments i passarel\\u00b7la de vidre trepitjable en equipament assistencial&quot;},{&quot;src&quot;:&quot;https:\\\/\\\/www.garciafaura.com\\\/wp-content\\\/uploads\\\/2018\\\/11\\\/Reside\\u0300ncia-Esclat-10.jpg&quot;,&quot;title&quot;:&quot;Tancaments i passarel\\u00b7la de vidre trepitjable en equipament assistencial&quot;},{&quot;src&quot;:&quot;https:\\\/\\\/www.garciafaura.com\\\/wp-content\\\/uploads\\\/2018\\\/11\\\/Reside\\u0300ncia-Esclat-11.jpg&quot;,&quot;title&quot;:&quot;Tancaments i passarel\\u00b7la de vidre trepitjable en equipament assistencial&quot;},{&quot;src&quot;:&quot;https:\\\/\\\/www.garciafaura.com\\\/wp-content\\\/uploads\\\/2018\\\/11\\\/Reside\\u0300ncia-Esclat-09.jpg&quot;,&quot;title&quot;:&quot;Tancaments i passarel\\u00b7la de vidre trepitjable en equipament assistencial&quot;},{&quot;src&quot;:&quot;https:\\\/\\\/www.garciafaura.com\\\/wp-content\\\/uploads\\\/2018\\\/11\\\/Reside\\u0300ncia-Esclat-08.jpg&quot;,&quot;title&quot;:&quot;Tancaments i passarel\\u00b7la de vidre trepitjable en equipament assistencial&quot;},{&quot;src&quot;:&quot;https:\\\/\\\/www.garciafaura.com\\\/wp-content\\\/uploads\\\/2018\\\/11\\\/Reside\\u0300ncia-Esclat-07.jpg&quot;,&quot;title&quot;:&quot;Tancaments i passarel\\u00b7la de vidre trepitjable en equipament assistencial&quot;},{&quot;src&quot;:&quot;https:\\\/\\\/www.garciafaura.com\\\/wp-content\\\/uploads\\\/2018\\\/11\\\/Reside\\u0300ncia-Esclat-06.jpg&quot;,&quot;title&quot;:&quot;Tancaments i passarel\\u00b7la de vidre trepitjable en equipament assistencial&quot;},{&quot;src&quot;:&quot;https:\\\/\\\/www.garciafaura.com\\\/wp-content\\\/uploads\\\/2018\\\/11\\\/Reside\\u0300ncia-Esclat-05.jpg&quot;,&quot;title&quot;:&quot;Tancaments i passarel\\u00b7la de vidre trepitjable en equipament assistencial&quot;},{&quot;src&quot;:&quot;https:\\\/\\\/www.garciafaura.com\\\/wp-content\\\/uploads\\\/2018\\\/11\\\/Reside\\u0300ncia-Esclat-04.jpg&quot;,&quot;title&quot;:&quot;Tancaments i passarel\\u00b7la de vidre trepitjable en equipament assistencial&quot;},{&quot;src&quot;:&quot;https:\\\/\\\/www.garciafaura.com\\\/wp-content\\\/uploads\\\/2018\\\/11\\\/Reside\\u0300ncia-Esclat-03.jpg&quot;,&quot;title&quot;:&quot;Tancaments i passarel\\u00b7la de vidre trepitjable en equipament assistencial&quot;},{&quot;src&quot;:&quot;https:\\\/\\\/www.garciafaura.com\\\/wp-content\\\/uploads\\\/2018\\\/11\\\/Reside\\u0300ncia-Esclat-02.jpg&quot;,&quot;title&quot;:&quot;Tancaments i passarel\\u00b7la de vidre trepitjable en equipament assistencial&quot;},{&quot;src&quot;:&quot;https:\\\/\\\/www.garciafaura.com\\\/wp-content\\\/uploads\\\/2018\\\/11\\\/Reside\\u0300ncia-Esclat-01.jpg&quot;,&quot;title&quot;:&quot;Tancaments i passarel\\u00b7la de vidre trepitjable en equipament assistencial&quot;}]\"><img loading=\"lazy\" decoding=\"async\" data-no-lazy=\"1\" class=\"portfolio-entry-img skip-lazy\" src=\"https:\/\/www.garciafaura.com\/wp-content\/uploads\/2018\/11\/Reside\u0300ncia-Esclat-000-600x314.jpg\" alt='' data-no-retina width=\"600\" height=\"314\" \/><\/a><\/div><div class=\"portfolio-entry-details entry-details wpex-clr\"><h2 class=\"portfolio-entry-title entry-title\"><a href=\"https:\/\/www.garciafaura.com\/fr\/portfolio-item\/residence-esclat-marina\/\" title=\"R\u00e9sidence Esclat Marina\">R\u00e9sidence Esclat Marina<\/a><\/h2><div class=\"portfolio-entry-categories entry-categories wpex-clr\"><a href=\"https:\/\/www.garciafaura.com\/fr\/portfolio-category\/batiments-de-services\/\" class=\"term-75\">B\u00e2timents de Services<\/a><\/div><\/div><\/div><\/div><div class=\"portfolio-entry vcex-grid-item entry-has-details span_1_of_3 col col-3 vcex-isotope-entry vcex-no-margin-entry post-20329 entry type-portfolio has-media cat-75 translation_priority-5\"><div class=\"portfolio-entry-inner entry-inner wpex-clr\"><div class=\"portfolio-entry-media entry-media wpex-clr\"><a href=\"https:\/\/www.garciafaura.com\/wp-content\/uploads\/2018\/11\/Supermercat-Sitges-01.jpg\" title=\"Supermarch\u00e9 Sitges\" class=\"portfolio-entry-media-link wpex-lightbox-gallery\" data-gallery=\"[{&quot;src&quot;:&quot;https:\\\/\\\/www.garciafaura.com\\\/wp-content\\\/uploads\\\/2018\\\/11\\\/Supermercat-Sitges-01.jpg&quot;,&quot;title&quot;:&quot;Fermetures et ensemble de travaux en verre pour un \\u00e9tablissement commercial de Sitges&quot;},{&quot;src&quot;:&quot;https:\\\/\\\/www.garciafaura.com\\\/wp-content\\\/uploads\\\/2018\\\/11\\\/Supermercat-Sitges-07.jpg&quot;,&quot;title&quot;:&quot;Tancaments i conjunt de treballs de vidrieria en\\u00a0establiment comercial de Sitges&quot;},{&quot;src&quot;:&quot;https:\\\/\\\/www.garciafaura.com\\\/wp-content\\\/uploads\\\/2018\\\/11\\\/Supermercat-Sitges-06.jpg&quot;,&quot;title&quot;:&quot;Tancaments i conjunt de treballs de vidrieria en\\u00a0establiment comercial de Sitges&quot;},{&quot;src&quot;:&quot;https:\\\/\\\/www.garciafaura.com\\\/wp-content\\\/uploads\\\/2018\\\/11\\\/Supermercat-Sitges-05.jpg&quot;,&quot;title&quot;:&quot;Tancaments i conjunt de treballs de vidrieria en\\u00a0establiment comercial de Sitges&quot;},{&quot;src&quot;:&quot;https:\\\/\\\/www.garciafaura.com\\\/wp-content\\\/uploads\\\/2018\\\/11\\\/Supermercat-Sitges-04.jpg&quot;,&quot;title&quot;:&quot;Tancaments i conjunt de treballs de vidrieria en\\u00a0establiment comercial de Sitges&quot;},{&quot;src&quot;:&quot;https:\\\/\\\/www.garciafaura.com\\\/wp-content\\\/uploads\\\/2018\\\/11\\\/Supermercat-Sitges-03.jpg&quot;,&quot;title&quot;:&quot;Tancaments i conjunt de treballs de vidrieria en\\u00a0establiment comercial de Sitges&quot;},{&quot;src&quot;:&quot;https:\\\/\\\/www.garciafaura.com\\\/wp-content\\\/uploads\\\/2018\\\/11\\\/Supermercat-Sitges-02.jpg&quot;,&quot;title&quot;:&quot;Tancaments i conjunt de treballs de vidrieria en\\u00a0establiment comercial de Sitges&quot;}]\"><img decoding=\"async\" data-no-lazy=\"1\" class=\"portfolio-entry-img skip-lazy\" src=\"https:\/\/www.garciafaura.com\/wp-content\/uploads\/2018\/11\/Supermercat-Sitges-01-x.jpg\" alt=\"Fermetures Et Ensemble De Travaux En Verre Pour Un \u00e9tablissement Commercial De Sitges\" data-no-retina \/><\/a><\/div><div class=\"portfolio-entry-details entry-details wpex-clr\"><h2 class=\"portfolio-entry-title entry-title\"><a href=\"https:\/\/www.garciafaura.com\/fr\/portfolio-item\/supermarche-sitges\/\" title=\"Supermarch\u00e9 Sitges\">Supermarch\u00e9 Sitges<\/a><\/h2><div class=\"portfolio-entry-categories entry-categories wpex-clr\"><a href=\"https:\/\/www.garciafaura.com\/fr\/portfolio-category\/batiments-de-services\/\" class=\"term-75\">B\u00e2timents de Services<\/a><\/div><\/div><\/div><\/div><div class=\"portfolio-entry vcex-grid-item entry-has-details span_1_of_3 col col-1 vcex-isotope-entry vcex-no-margin-entry post-20330 entry type-portfolio has-media cat-75 cat-93 translation_priority-5\"><div class=\"portfolio-entry-inner entry-inner wpex-clr\"><div class=\"portfolio-entry-media entry-media wpex-clr\"><a href=\"https:\/\/www.garciafaura.com\/wp-content\/uploads\/2018\/11\/Biblioteca-Blanquerna-11.jpg\" title=\"Biblioth\u00e8que Blanquerna\" class=\"portfolio-entry-media-link wpex-lightbox-gallery\" data-gallery=\"[{&quot;src&quot;:&quot;https:\\\/\\\/www.garciafaura.com\\\/wp-content\\\/uploads\\\/2018\\\/11\\\/Biblioteca-Blanquerna-11.jpg&quot;,&quot;title&quot;:&quot;Mur-rideau et acc\\u00e8s pour la nouvelle Biblioth\\u00e8que de Communication de l&#039;URL&quot;},{&quot;src&quot;:&quot;https:\\\/\\\/www.garciafaura.com\\\/wp-content\\\/uploads\\\/2018\\\/11\\\/Biblioteca-Blanquerna-10.jpg&quot;,&quot;title&quot;:&quot;Mur cortina i accessos de la nova Biblioteca de Comunicaci\\u00f3 de la URL&quot;},{&quot;src&quot;:&quot;https:\\\/\\\/www.garciafaura.com\\\/wp-content\\\/uploads\\\/2018\\\/11\\\/Biblioteca-Blanquerna-09.jpg&quot;,&quot;title&quot;:&quot;Mur cortina i accessos de la nova Biblioteca de Comunicaci\\u00f3 de la URL&quot;},{&quot;src&quot;:&quot;https:\\\/\\\/www.garciafaura.com\\\/wp-content\\\/uploads\\\/2018\\\/11\\\/Biblioteca-Blanquerna-07.jpg&quot;,&quot;title&quot;:&quot;Mur cortina i accessos de la nova Biblioteca de Comunicaci\\u00f3 de la URL&quot;},{&quot;src&quot;:&quot;https:\\\/\\\/www.garciafaura.com\\\/wp-content\\\/uploads\\\/2018\\\/11\\\/Biblioteca-Blanquerna-08.jpg&quot;,&quot;title&quot;:&quot;Mur cortina i accessos de la nova Biblioteca de Comunicaci\\u00f3 de la URL&quot;},{&quot;src&quot;:&quot;https:\\\/\\\/www.garciafaura.com\\\/wp-content\\\/uploads\\\/2018\\\/11\\\/Biblioteca-Blanquerna-06.jpg&quot;,&quot;title&quot;:&quot;Mur cortina i accessos de la nova Biblioteca de Comunicaci\\u00f3 de la URL&quot;},{&quot;src&quot;:&quot;https:\\\/\\\/www.garciafaura.com\\\/wp-content\\\/uploads\\\/2018\\\/11\\\/Biblioteca-Blanquerna-05.jpg&quot;,&quot;title&quot;:&quot;Mur cortina i accessos de la nova Biblioteca de Comunicaci\\u00f3 de la URL&quot;},{&quot;src&quot;:&quot;https:\\\/\\\/www.garciafaura.com\\\/wp-content\\\/uploads\\\/2018\\\/11\\\/Biblioteca-Blanquerna-04.jpg&quot;,&quot;title&quot;:&quot;Mur cortina i accessos de la nova Biblioteca de Comunicaci\\u00f3 de la URL&quot;},{&quot;src&quot;:&quot;https:\\\/\\\/www.garciafaura.com\\\/wp-content\\\/uploads\\\/2018\\\/11\\\/Biblioteca-Blanquerna-03.jpg&quot;,&quot;title&quot;:&quot;Mur cortina i accessos de la nova Biblioteca de Comunicaci\\u00f3 de la URL&quot;},{&quot;src&quot;:&quot;https:\\\/\\\/www.garciafaura.com\\\/wp-content\\\/uploads\\\/2018\\\/11\\\/Biblioteca-Blanquerna-02.jpg&quot;,&quot;title&quot;:&quot;Mur cortina i accessos de la nova Biblioteca de Comunicaci\\u00f3 de la URL&quot;},{&quot;src&quot;:&quot;https:\\\/\\\/www.garciafaura.com\\\/wp-content\\\/uploads\\\/2018\\\/11\\\/Biblioteca-Blanquerna-01.jpg&quot;,&quot;title&quot;:&quot;Mur cortina i accessos de la nova Biblioteca de Comunicaci\\u00f3 de la URL&quot;}]\"><img decoding=\"async\" data-no-lazy=\"1\" class=\"portfolio-entry-img skip-lazy\" src=\"https:\/\/www.garciafaura.com\/wp-content\/uploads\/2018\/11\/Biblioteca-Blanquerna-11-x.jpg\" alt=\"Mur-rideau Et Acc\u00e8s Pour La Nouvelle Biblioth\u00e8que De Communication De L'URL\" data-no-retina \/><\/a><\/div><div class=\"portfolio-entry-details entry-details wpex-clr\"><h2 class=\"portfolio-entry-title entry-title\"><a href=\"https:\/\/www.garciafaura.com\/fr\/portfolio-item\/bibliotheque-blanquerna\/\" title=\"Biblioth\u00e8que Blanquerna\">Biblioth\u00e8que Blanquerna<\/a><\/h2><div class=\"portfolio-entry-categories entry-categories wpex-clr\"><a href=\"https:\/\/www.garciafaura.com\/fr\/portfolio-category\/batiments-de-services\/\" class=\"term-75\">B\u00e2timents de Services<\/a><\/div><\/div><\/div><\/div><div class=\"portfolio-entry vcex-grid-item entry-has-details span_1_of_3 col col-2 vcex-isotope-entry vcex-no-margin-entry post-20328 entry type-portfolio has-media cat-75 translation_priority-5\"><div class=\"portfolio-entry-inner entry-inner wpex-clr\"><div class=\"portfolio-entry-media entry-media wpex-clr\"><a href=\"https:\/\/www.garciafaura.com\/wp-content\/uploads\/2018\/11\/Comissaria-Mossos-Tarragona-01.jpg\" title=\"Commissariat Mossos d&rsquo;Esquadra\" class=\"portfolio-entry-media-link wpex-lightbox-gallery\" data-gallery=\"[{&quot;src&quot;:&quot;https:\\\/\\\/www.garciafaura.com\\\/wp-content\\\/uploads\\\/2018\\\/11\\\/Comissaria-Mossos-Tarragona-01.jpg&quot;,&quot;title&quot;:&quot;Travaux en aluminium et verre pour le nouveau commissariat central du Campo de Tarragona&quot;},{&quot;src&quot;:&quot;https:\\\/\\\/www.garciafaura.com\\\/wp-content\\\/uploads\\\/2018\\\/11\\\/Comissaria-Mossos-Tarragona-26.jpg&quot;,&quot;title&quot;:&quot;Treballs en alumini i vidre de la nova comissaria central del Camp de Tarragona&quot;},{&quot;src&quot;:&quot;https:\\\/\\\/www.garciafaura.com\\\/wp-content\\\/uploads\\\/2018\\\/11\\\/Comissaria-Mossos-Tarragona-25.jpg&quot;,&quot;title&quot;:&quot;Treballs en alumini i vidre de la nova comissaria central del Camp de Tarragona&quot;},{&quot;src&quot;:&quot;https:\\\/\\\/www.garciafaura.com\\\/wp-content\\\/uploads\\\/2018\\\/11\\\/Comissaria-Mossos-Tarragona-24.jpg&quot;,&quot;title&quot;:&quot;Treballs en alumini i vidre de la nova comissaria central del Camp de Tarragona&quot;},{&quot;src&quot;:&quot;https:\\\/\\\/www.garciafaura.com\\\/wp-content\\\/uploads\\\/2018\\\/11\\\/Comissaria-Mossos-Tarragona-23.jpg&quot;,&quot;title&quot;:&quot;Treballs en alumini i vidre de la nova comissaria central del Camp de Tarragona&quot;},{&quot;src&quot;:&quot;https:\\\/\\\/www.garciafaura.com\\\/wp-content\\\/uploads\\\/2018\\\/11\\\/Comissaria-Mossos-Tarragona-22.jpg&quot;,&quot;title&quot;:&quot;Treballs en alumini i vidre de la nova comissaria central del Camp de Tarragona&quot;},{&quot;src&quot;:&quot;https:\\\/\\\/www.garciafaura.com\\\/wp-content\\\/uploads\\\/2018\\\/11\\\/Comissaria-Mossos-Tarragona-21.jpg&quot;,&quot;title&quot;:&quot;Treballs en alumini i vidre de la nova comissaria central del Camp de Tarragona&quot;},{&quot;src&quot;:&quot;https:\\\/\\\/www.garciafaura.com\\\/wp-content\\\/uploads\\\/2018\\\/11\\\/Comissaria-Mossos-Tarragona-20.jpg&quot;,&quot;title&quot;:&quot;Treballs en alumini i vidre de la nova comissaria central del Camp de Tarragona&quot;},{&quot;src&quot;:&quot;https:\\\/\\\/www.garciafaura.com\\\/wp-content\\\/uploads\\\/2018\\\/11\\\/Comissaria-Mossos-Tarragona-19.jpg&quot;,&quot;title&quot;:&quot;Treballs en alumini i vidre de la nova comissaria central del Camp de Tarragona&quot;},{&quot;src&quot;:&quot;https:\\\/\\\/www.garciafaura.com\\\/wp-content\\\/uploads\\\/2018\\\/11\\\/Comissaria-Mossos-Tarragona-18.jpg&quot;,&quot;title&quot;:&quot;Treballs en alumini i vidre de la nova comissaria central del Camp de Tarragona&quot;},{&quot;src&quot;:&quot;https:\\\/\\\/www.garciafaura.com\\\/wp-content\\\/uploads\\\/2018\\\/11\\\/Comissaria-Mossos-Tarragona-17.jpg&quot;,&quot;title&quot;:&quot;Treballs en alumini i vidre de la nova comissaria central del Camp de Tarragona&quot;},{&quot;src&quot;:&quot;https:\\\/\\\/www.garciafaura.com\\\/wp-content\\\/uploads\\\/2018\\\/11\\\/Comissaria-Mossos-Tarragona-16.jpg&quot;,&quot;title&quot;:&quot;Treballs en alumini i vidre de la nova comissaria central del Camp de Tarragona&quot;},{&quot;src&quot;:&quot;https:\\\/\\\/www.garciafaura.com\\\/wp-content\\\/uploads\\\/2018\\\/11\\\/Comissaria-Mossos-Tarragona-15.jpg&quot;,&quot;title&quot;:&quot;Treballs en alumini i vidre de la nova comissaria central del Camp de Tarragona&quot;},{&quot;src&quot;:&quot;https:\\\/\\\/www.garciafaura.com\\\/wp-content\\\/uploads\\\/2018\\\/11\\\/Comissaria-Mossos-Tarragona-14.jpg&quot;,&quot;title&quot;:&quot;Treballs en alumini i vidre de la nova comissaria central del Camp de Tarragona&quot;},{&quot;src&quot;:&quot;https:\\\/\\\/www.garciafaura.com\\\/wp-content\\\/uploads\\\/2018\\\/11\\\/Comissaria-Mossos-Tarragona-13.jpg&quot;,&quot;title&quot;:&quot;Treballs en alumini i vidre de la nova comissaria central del Camp de Tarragona&quot;},{&quot;src&quot;:&quot;https:\\\/\\\/www.garciafaura.com\\\/wp-content\\\/uploads\\\/2018\\\/11\\\/Comissaria-Mossos-Tarragona-12.jpg&quot;,&quot;title&quot;:&quot;Treballs en alumini i vidre de la nova comissaria central del Camp de Tarragona&quot;},{&quot;src&quot;:&quot;https:\\\/\\\/www.garciafaura.com\\\/wp-content\\\/uploads\\\/2018\\\/11\\\/Comissaria-Mossos-Tarragona-11.jpg&quot;,&quot;title&quot;:&quot;Treballs en alumini i vidre de la nova comissaria central del Camp de Tarragona&quot;},{&quot;src&quot;:&quot;https:\\\/\\\/www.garciafaura.com\\\/wp-content\\\/uploads\\\/2018\\\/11\\\/Comissaria-Mossos-Tarragona-10.jpg&quot;,&quot;title&quot;:&quot;Treballs en alumini i vidre de la nova comissaria central del Camp de Tarragona&quot;},{&quot;src&quot;:&quot;https:\\\/\\\/www.garciafaura.com\\\/wp-content\\\/uploads\\\/2018\\\/11\\\/Comissaria-Mossos-Tarragona-09.jpg&quot;,&quot;title&quot;:&quot;Treballs en alumini i vidre de la nova comissaria central del Camp de Tarragona&quot;},{&quot;src&quot;:&quot;https:\\\/\\\/www.garciafaura.com\\\/wp-content\\\/uploads\\\/2018\\\/11\\\/Comissaria-Mossos-Tarragona-08.jpg&quot;,&quot;title&quot;:&quot;Treballs en alumini i vidre de la nova comissaria central del Camp de Tarragona&quot;},{&quot;src&quot;:&quot;https:\\\/\\\/www.garciafaura.com\\\/wp-content\\\/uploads\\\/2018\\\/11\\\/Comissaria-Mossos-Tarragona-07.jpg&quot;,&quot;title&quot;:&quot;Treballs en alumini i vidre de la nova comissaria central del Camp de Tarragona&quot;},{&quot;src&quot;:&quot;https:\\\/\\\/www.garciafaura.com\\\/wp-content\\\/uploads\\\/2018\\\/11\\\/Comissaria-Mossos-Tarragona-06.jpg&quot;,&quot;title&quot;:&quot;Treballs en alumini i vidre de la nova comissaria central del Camp de Tarragona&quot;},{&quot;src&quot;:&quot;https:\\\/\\\/www.garciafaura.com\\\/wp-content\\\/uploads\\\/2018\\\/11\\\/Comissaria-Mossos-Tarragona-05.jpg&quot;,&quot;title&quot;:&quot;Treballs en alumini i vidre de la nova comissaria central del Camp de Tarragona&quot;},{&quot;src&quot;:&quot;https:\\\/\\\/www.garciafaura.com\\\/wp-content\\\/uploads\\\/2018\\\/11\\\/Comissaria-Mossos-Tarragona-04.jpg&quot;,&quot;title&quot;:&quot;Treballs en alumini i vidre de la nova comissaria central del Camp de Tarragona&quot;},{&quot;src&quot;:&quot;https:\\\/\\\/www.garciafaura.com\\\/wp-content\\\/uploads\\\/2018\\\/11\\\/Comissaria-Mossos-Tarragona-03.jpg&quot;,&quot;title&quot;:&quot;Treballs en alumini i vidre de la nova comissaria central del Camp de Tarragona&quot;},{&quot;src&quot;:&quot;https:\\\/\\\/www.garciafaura.com\\\/wp-content\\\/uploads\\\/2018\\\/11\\\/Comissaria-Mossos-Tarragona-02.jpg&quot;,&quot;title&quot;:&quot;Treballs en alumini i vidre de la nova comissaria central del Camp de Tarragona&quot;}]\"><img decoding=\"async\" data-no-lazy=\"1\" class=\"portfolio-entry-img skip-lazy\" src=\"https:\/\/www.garciafaura.com\/wp-content\/uploads\/2018\/11\/Comissaria-Mossos-Tarragona-01-x.jpg\" alt=\"Travaux En Aluminium Et Verre Pour Le Nouveau Commissariat Central Du Campo De Tarragona\" data-no-retina \/><\/a><\/div><div class=\"portfolio-entry-details entry-details wpex-clr\"><h2 class=\"portfolio-entry-title entry-title\"><a href=\"https:\/\/www.garciafaura.com\/fr\/portfolio-item\/commissariat-mossos-desquadra-tarragona\/\" title=\"Commissariat Mossos d&rsquo;Esquadra\">Commissariat Mossos d&rsquo;Esquadra<\/a><\/h2><div class=\"portfolio-entry-categories entry-categories wpex-clr\"><a href=\"https:\/\/www.garciafaura.com\/fr\/portfolio-category\/batiments-de-services\/\" class=\"term-75\">B\u00e2timents de Services<\/a><\/div><\/div><\/div><\/div><div class=\"portfolio-entry vcex-grid-item entry-has-details span_1_of_3 col col-3 vcex-isotope-entry vcex-no-margin-entry post-20327 entry type-portfolio has-media cat-75 cat-92 translation_priority-5\"><div class=\"portfolio-entry-inner entry-inner wpex-clr\"><div class=\"portfolio-entry-media entry-media wpex-clr\"><a href=\"https:\/\/www.garciafaura.com\/wp-content\/uploads\/2018\/11\/Centre-Penitenciari-Tarragona-01.jpg\" title=\"Centre P\u00e9nitentiaire Mas d&rsquo;Enric\" class=\"portfolio-entry-media-link wpex-lightbox-gallery\" data-gallery=\"[{&quot;src&quot;:&quot;https:\\\/\\\/www.garciafaura.com\\\/wp-content\\\/uploads\\\/2018\\\/11\\\/Centre-Penitenciari-Tarragona-01.jpg&quot;,&quot;title&quot;:&quot;Ensemble de fermetures int\\u00e9rieures et ext\\u00e9rieures pour le nouveau Centre P\\u00e9nitentiaire Mas d&#039;Enric&quot;},{&quot;src&quot;:&quot;https:\\\/\\\/www.garciafaura.com\\\/wp-content\\\/uploads\\\/2018\\\/11\\\/Centre-Penitenciari-Tarragona-55.jpg&quot;,&quot;title&quot;:&quot;Conjunt de tancaments interiors i exteriors del nou Centre Penitenciari Mas d&#039;Enric&quot;},{&quot;src&quot;:&quot;https:\\\/\\\/www.garciafaura.com\\\/wp-content\\\/uploads\\\/2018\\\/11\\\/Centre-Penitenciari-Tarragona-54.jpg&quot;,&quot;title&quot;:&quot;Conjunt de tancaments interiors i exteriors del nou Centre Penitenciari Mas d&#039;Enric&quot;},{&quot;src&quot;:&quot;https:\\\/\\\/www.garciafaura.com\\\/wp-content\\\/uploads\\\/2018\\\/11\\\/Centre-Penitenciari-Tarragona-53.jpg&quot;,&quot;title&quot;:&quot;Conjunt de tancaments interiors i exteriors del nou Centre Penitenciari Mas d&#039;Enric&quot;},{&quot;src&quot;:&quot;https:\\\/\\\/www.garciafaura.com\\\/wp-content\\\/uploads\\\/2018\\\/11\\\/Centre-Penitenciari-Tarragona-52.jpg&quot;,&quot;title&quot;:&quot;Conjunt de tancaments interiors i exteriors del nou Centre Penitenciari Mas d&#039;Enric&quot;},{&quot;src&quot;:&quot;https:\\\/\\\/www.garciafaura.com\\\/wp-content\\\/uploads\\\/2018\\\/11\\\/Centre-Penitenciari-Tarragona-51.jpg&quot;,&quot;title&quot;:&quot;Conjunt de tancaments interiors i exteriors del nou Centre Penitenciari Mas d&#039;Enric&quot;},{&quot;src&quot;:&quot;https:\\\/\\\/www.garciafaura.com\\\/wp-content\\\/uploads\\\/2018\\\/11\\\/Centre-Penitenciari-Tarragona-50.jpg&quot;,&quot;title&quot;:&quot;Conjunt de tancaments interiors i exteriors del nou Centre Penitenciari Mas d&#039;Enric&quot;},{&quot;src&quot;:&quot;https:\\\/\\\/www.garciafaura.com\\\/wp-content\\\/uploads\\\/2018\\\/11\\\/Centre-Penitenciari-Tarragona-49.jpg&quot;,&quot;title&quot;:&quot;Conjunt de tancaments interiors i exteriors del nou Centre Penitenciari Mas d&#039;Enric&quot;},{&quot;src&quot;:&quot;https:\\\/\\\/www.garciafaura.com\\\/wp-content\\\/uploads\\\/2018\\\/11\\\/Centre-Penitenciari-Tarragona-48.jpg&quot;,&quot;title&quot;:&quot;Conjunt de tancaments interiors i exteriors del nou Centre Penitenciari Mas d&#039;Enric&quot;},{&quot;src&quot;:&quot;https:\\\/\\\/www.garciafaura.com\\\/wp-content\\\/uploads\\\/2018\\\/11\\\/Centre-Penitenciari-Tarragona-47.jpg&quot;,&quot;title&quot;:&quot;Conjunt de tancaments interiors i exteriors del nou Centre Penitenciari Mas d&#039;Enric&quot;},{&quot;src&quot;:&quot;https:\\\/\\\/www.garciafaura.com\\\/wp-content\\\/uploads\\\/2018\\\/11\\\/Centre-Penitenciari-Tarragona-46.jpg&quot;,&quot;title&quot;:&quot;Conjunt de tancaments interiors i exteriors del nou Centre Penitenciari Mas d&#039;Enric&quot;},{&quot;src&quot;:&quot;https:\\\/\\\/www.garciafaura.com\\\/wp-content\\\/uploads\\\/2018\\\/11\\\/Centre-Penitenciari-Tarragona-45.jpg&quot;,&quot;title&quot;:&quot;Conjunt de tancaments interiors i exteriors del nou Centre Penitenciari Mas d&#039;Enric&quot;},{&quot;src&quot;:&quot;https:\\\/\\\/www.garciafaura.com\\\/wp-content\\\/uploads\\\/2018\\\/11\\\/Centre-Penitenciari-Tarragona-44.jpg&quot;,&quot;title&quot;:&quot;Conjunt de tancaments interiors i exteriors del nou Centre Penitenciari Mas d&#039;Enric&quot;},{&quot;src&quot;:&quot;https:\\\/\\\/www.garciafaura.com\\\/wp-content\\\/uploads\\\/2018\\\/11\\\/Centre-Penitenciari-Tarragona-43.jpg&quot;,&quot;title&quot;:&quot;Conjunt de tancaments interiors i exteriors del nou Centre Penitenciari Mas d&#039;Enric&quot;},{&quot;src&quot;:&quot;https:\\\/\\\/www.garciafaura.com\\\/wp-content\\\/uploads\\\/2018\\\/11\\\/Centre-Penitenciari-Tarragona-42.jpg&quot;,&quot;title&quot;:&quot;Conjunt de tancaments interiors i exteriors del nou Centre Penitenciari Mas d&#039;Enric&quot;},{&quot;src&quot;:&quot;https:\\\/\\\/www.garciafaura.com\\\/wp-content\\\/uploads\\\/2018\\\/11\\\/Centre-Penitenciari-Tarragona-41.jpg&quot;,&quot;title&quot;:&quot;Conjunt de tancaments interiors i exteriors del nou Centre Penitenciari Mas d&#039;Enric&quot;},{&quot;src&quot;:&quot;https:\\\/\\\/www.garciafaura.com\\\/wp-content\\\/uploads\\\/2018\\\/11\\\/Centre-Penitenciari-Tarragona-40.jpg&quot;,&quot;title&quot;:&quot;Conjunt de tancaments interiors i exteriors del nou Centre Penitenciari Mas d&#039;Enric&quot;},{&quot;src&quot;:&quot;https:\\\/\\\/www.garciafaura.com\\\/wp-content\\\/uploads\\\/2018\\\/11\\\/Centre-Penitenciari-Tarragona-39.jpg&quot;,&quot;title&quot;:&quot;Conjunt de tancaments interiors i exteriors del nou Centre Penitenciari Mas d&#039;Enric&quot;},{&quot;src&quot;:&quot;https:\\\/\\\/www.garciafaura.com\\\/wp-content\\\/uploads\\\/2018\\\/11\\\/Centre-Penitenciari-Tarragona-38.jpg&quot;,&quot;title&quot;:&quot;Conjunt de tancaments interiors i exteriors del nou Centre Penitenciari Mas d&#039;Enric&quot;},{&quot;src&quot;:&quot;https:\\\/\\\/www.garciafaura.com\\\/wp-content\\\/uploads\\\/2018\\\/11\\\/Centre-Penitenciari-Tarragona-37.jpg&quot;,&quot;title&quot;:&quot;Conjunt de tancaments interiors i exteriors del nou Centre Penitenciari Mas d&#039;Enric&quot;},{&quot;src&quot;:&quot;https:\\\/\\\/www.garciafaura.com\\\/wp-content\\\/uploads\\\/2018\\\/11\\\/Centre-Penitenciari-Tarragona-36.jpg&quot;,&quot;title&quot;:&quot;Conjunt de tancaments interiors i exteriors del nou Centre Penitenciari Mas d&#039;Enric&quot;},{&quot;src&quot;:&quot;https:\\\/\\\/www.garciafaura.com\\\/wp-content\\\/uploads\\\/2018\\\/11\\\/Centre-Penitenciari-Tarragona-35.jpg&quot;,&quot;title&quot;:&quot;Conjunt de tancaments interiors i exteriors del nou Centre Penitenciari Mas d&#039;Enric&quot;},{&quot;src&quot;:&quot;https:\\\/\\\/www.garciafaura.com\\\/wp-content\\\/uploads\\\/2018\\\/11\\\/Centre-Penitenciari-Tarragona-34.jpg&quot;,&quot;title&quot;:&quot;Conjunt de tancaments interiors i exteriors del nou Centre Penitenciari Mas d&#039;Enric&quot;},{&quot;src&quot;:&quot;https:\\\/\\\/www.garciafaura.com\\\/wp-content\\\/uploads\\\/2018\\\/11\\\/Centre-Penitenciari-Tarragona-33.jpg&quot;,&quot;title&quot;:&quot;Conjunt de tancaments interiors i exteriors del nou Centre Penitenciari Mas d&#039;Enric&quot;},{&quot;src&quot;:&quot;https:\\\/\\\/www.garciafaura.com\\\/wp-content\\\/uploads\\\/2018\\\/11\\\/Centre-Penitenciari-Tarragona-32.jpg&quot;,&quot;title&quot;:&quot;Conjunt de tancaments interiors i exteriors del nou Centre Penitenciari Mas d&#039;Enric&quot;},{&quot;src&quot;:&quot;https:\\\/\\\/www.garciafaura.com\\\/wp-content\\\/uploads\\\/2018\\\/11\\\/Centre-Penitenciari-Tarragona-31.jpg&quot;,&quot;title&quot;:&quot;Conjunt de tancaments interiors i exteriors del nou Centre Penitenciari Mas d&#039;Enric&quot;},{&quot;src&quot;:&quot;https:\\\/\\\/www.garciafaura.com\\\/wp-content\\\/uploads\\\/2018\\\/11\\\/Centre-Penitenciari-Tarragona-30.jpg&quot;,&quot;title&quot;:&quot;Conjunt de tancaments interiors i exteriors del nou Centre Penitenciari Mas d&#039;Enric&quot;},{&quot;src&quot;:&quot;https:\\\/\\\/www.garciafaura.com\\\/wp-content\\\/uploads\\\/2018\\\/11\\\/Centre-Penitenciari-Tarragona-29.jpg&quot;,&quot;title&quot;:&quot;Conjunt de tancaments interiors i exteriors del nou Centre Penitenciari Mas d&#039;Enric&quot;},{&quot;src&quot;:&quot;https:\\\/\\\/www.garciafaura.com\\\/wp-content\\\/uploads\\\/2018\\\/11\\\/Centre-Penitenciari-Tarragona-28.jpg&quot;,&quot;title&quot;:&quot;Conjunt de tancaments interiors i exteriors del nou Centre Penitenciari Mas d&#039;Enric&quot;},{&quot;src&quot;:&quot;https:\\\/\\\/www.garciafaura.com\\\/wp-content\\\/uploads\\\/2018\\\/11\\\/Centre-Penitenciari-Tarragona-27.jpg&quot;,&quot;title&quot;:&quot;Conjunt de tancaments interiors i exteriors del nou Centre Penitenciari Mas d&#039;Enric&quot;},{&quot;src&quot;:&quot;https:\\\/\\\/www.garciafaura.com\\\/wp-content\\\/uploads\\\/2018\\\/11\\\/Centre-Penitenciari-Tarragona-26.jpg&quot;,&quot;title&quot;:&quot;Conjunt de tancaments interiors i exteriors del nou Centre Penitenciari Mas d&#039;Enric&quot;},{&quot;src&quot;:&quot;https:\\\/\\\/www.garciafaura.com\\\/wp-content\\\/uploads\\\/2018\\\/11\\\/Centre-Penitenciari-Tarragona-25.jpg&quot;,&quot;title&quot;:&quot;Conjunt de tancaments interiors i exteriors del nou Centre Penitenciari Mas d&#039;Enric&quot;},{&quot;src&quot;:&quot;https:\\\/\\\/www.garciafaura.com\\\/wp-content\\\/uploads\\\/2018\\\/11\\\/Centre-Penitenciari-Tarragona-24.jpg&quot;,&quot;title&quot;:&quot;Conjunt de tancaments interiors i exteriors del nou Centre Penitenciari Mas d&#039;Enric&quot;},{&quot;src&quot;:&quot;https:\\\/\\\/www.garciafaura.com\\\/wp-content\\\/uploads\\\/2018\\\/11\\\/Centre-Penitenciari-Tarragona-23.jpg&quot;,&quot;title&quot;:&quot;Conjunt de tancaments interiors i exteriors del nou Centre Penitenciari Mas d&#039;Enric&quot;},{&quot;src&quot;:&quot;https:\\\/\\\/www.garciafaura.com\\\/wp-content\\\/uploads\\\/2018\\\/11\\\/Centre-Penitenciari-Tarragona-22.jpg&quot;,&quot;title&quot;:&quot;Conjunt de tancaments interiors i exteriors del nou Centre Penitenciari Mas d&#039;Enric&quot;},{&quot;src&quot;:&quot;https:\\\/\\\/www.garciafaura.com\\\/wp-content\\\/uploads\\\/2018\\\/11\\\/Centre-Penitenciari-Tarragona-21.jpg&quot;,&quot;title&quot;:&quot;Conjunt de tancaments interiors i exteriors del nou Centre Penitenciari Mas d&#039;Enric&quot;},{&quot;src&quot;:&quot;https:\\\/\\\/www.garciafaura.com\\\/wp-content\\\/uploads\\\/2018\\\/11\\\/Centre-Penitenciari-Tarragona-20.jpg&quot;,&quot;title&quot;:&quot;Conjunt de tancaments interiors i exteriors del nou Centre Penitenciari Mas d&#039;Enric&quot;},{&quot;src&quot;:&quot;https:\\\/\\\/www.garciafaura.com\\\/wp-content\\\/uploads\\\/2018\\\/11\\\/Centre-Penitenciari-Tarragona-19.jpg&quot;,&quot;title&quot;:&quot;Conjunt de tancaments interiors i exteriors del nou Centre Penitenciari Mas d&#039;Enric&quot;},{&quot;src&quot;:&quot;https:\\\/\\\/www.garciafaura.com\\\/wp-content\\\/uploads\\\/2018\\\/11\\\/Centre-Penitenciari-Tarragona-18.jpg&quot;,&quot;title&quot;:&quot;Conjunt de tancaments interiors i exteriors del nou Centre Penitenciari Mas d&#039;Enric&quot;},{&quot;src&quot;:&quot;https:\\\/\\\/www.garciafaura.com\\\/wp-content\\\/uploads\\\/2018\\\/11\\\/Centre-Penitenciari-Tarragona-17.jpg&quot;,&quot;title&quot;:&quot;Conjunt de tancaments interiors i exteriors del nou Centre Penitenciari Mas d&#039;Enric&quot;},{&quot;src&quot;:&quot;https:\\\/\\\/www.garciafaura.com\\\/wp-content\\\/uploads\\\/2018\\\/11\\\/Centre-Penitenciari-Tarragona-16.jpg&quot;,&quot;title&quot;:&quot;Conjunt de tancaments interiors i exteriors del nou Centre Penitenciari Mas d&#039;Enric&quot;},{&quot;src&quot;:&quot;https:\\\/\\\/www.garciafaura.com\\\/wp-content\\\/uploads\\\/2018\\\/11\\\/Centre-Penitenciari-Tarragona-15.jpg&quot;,&quot;title&quot;:&quot;Conjunt de tancaments interiors i exteriors del nou Centre Penitenciari Mas d&#039;Enric&quot;},{&quot;src&quot;:&quot;https:\\\/\\\/www.garciafaura.com\\\/wp-content\\\/uploads\\\/2018\\\/11\\\/Centre-Penitenciari-Tarragona-14.jpg&quot;,&quot;title&quot;:&quot;Conjunt de tancaments interiors i exteriors del nou Centre Penitenciari Mas d&#039;Enric&quot;},{&quot;src&quot;:&quot;https:\\\/\\\/www.garciafaura.com\\\/wp-content\\\/uploads\\\/2018\\\/11\\\/Centre-Penitenciari-Tarragona-13.jpg&quot;,&quot;title&quot;:&quot;Conjunt de tancaments interiors i exteriors del nou Centre Penitenciari Mas d&#039;Enric&quot;},{&quot;src&quot;:&quot;https:\\\/\\\/www.garciafaura.com\\\/wp-content\\\/uploads\\\/2018\\\/11\\\/Centre-Penitenciari-Tarragona-12.jpg&quot;,&quot;title&quot;:&quot;Conjunt de tancaments interiors i exteriors del nou Centre Penitenciari Mas d&#039;Enric&quot;},{&quot;src&quot;:&quot;https:\\\/\\\/www.garciafaura.com\\\/wp-content\\\/uploads\\\/2018\\\/11\\\/Centre-Penitenciari-Tarragona-11.jpg&quot;,&quot;title&quot;:&quot;Conjunt de tancaments interiors i exteriors del nou Centre Penitenciari Mas d&#039;Enric&quot;},{&quot;src&quot;:&quot;https:\\\/\\\/www.garciafaura.com\\\/wp-content\\\/uploads\\\/2018\\\/11\\\/Centre-Penitenciari-Tarragona-10.jpg&quot;,&quot;title&quot;:&quot;Conjunt de tancaments interiors i exteriors del nou Centre Penitenciari Mas d&#039;Enric&quot;},{&quot;src&quot;:&quot;https:\\\/\\\/www.garciafaura.com\\\/wp-content\\\/uploads\\\/2018\\\/11\\\/Centre-Penitenciari-Tarragona-09.jpg&quot;,&quot;title&quot;:&quot;Conjunt de tancaments interiors i exteriors del nou Centre Penitenciari Mas d&#039;Enric&quot;},{&quot;src&quot;:&quot;https:\\\/\\\/www.garciafaura.com\\\/wp-content\\\/uploads\\\/2018\\\/11\\\/Centre-Penitenciari-Tarragona-07.jpg&quot;,&quot;title&quot;:&quot;Conjunt de tancaments interiors i exteriors del nou Centre Penitenciari Mas d&#039;Enric&quot;},{&quot;src&quot;:&quot;https:\\\/\\\/www.garciafaura.com\\\/wp-content\\\/uploads\\\/2018\\\/11\\\/Centre-Penitenciari-Tarragona-08.jpg&quot;,&quot;title&quot;:&quot;Conjunt de tancaments interiors i exteriors del nou Centre Penitenciari Mas d&#039;Enric&quot;},{&quot;src&quot;:&quot;https:\\\/\\\/www.garciafaura.com\\\/wp-content\\\/uploads\\\/2018\\\/11\\\/Centre-Penitenciari-Tarragona-06.jpg&quot;,&quot;title&quot;:&quot;Conjunt de tancaments interiors i exteriors del nou Centre Penitenciari Mas d&#039;Enric&quot;},{&quot;src&quot;:&quot;https:\\\/\\\/www.garciafaura.com\\\/wp-content\\\/uploads\\\/2018\\\/11\\\/Centre-Penitenciari-Tarragona-05.jpg&quot;,&quot;title&quot;:&quot;Conjunt de tancaments interiors i exteriors del nou Centre Penitenciari Mas d&#039;Enric&quot;},{&quot;src&quot;:&quot;https:\\\/\\\/www.garciafaura.com\\\/wp-content\\\/uploads\\\/2018\\\/11\\\/Centre-Penitenciari-Tarragona-04.jpg&quot;,&quot;title&quot;:&quot;Conjunt de tancaments interiors i exteriors del nou Centre Penitenciari Mas d&#039;Enric&quot;},{&quot;src&quot;:&quot;https:\\\/\\\/www.garciafaura.com\\\/wp-content\\\/uploads\\\/2018\\\/11\\\/Centre-Penitenciari-Tarragona-03.jpg&quot;,&quot;title&quot;:&quot;Conjunt de tancaments interiors i exteriors del nou Centre Penitenciari Mas d&#039;Enric&quot;},{&quot;src&quot;:&quot;https:\\\/\\\/www.garciafaura.com\\\/wp-content\\\/uploads\\\/2018\\\/11\\\/Centre-Penitenciari-Tarragona-02.jpg&quot;,&quot;title&quot;:&quot;Conjunt de tancaments interiors i exteriors del nou Centre Penitenciari Mas d&#039;Enric&quot;}]\"><img loading=\"lazy\" decoding=\"async\" data-no-lazy=\"1\" class=\"portfolio-entry-img skip-lazy\" src=\"https:\/\/www.garciafaura.com\/wp-content\/uploads\/2018\/11\/Centre-Penitenciari-Tarragona-01-600x314.jpg\" alt=\"Ensemble De Fermetures Int\u00e9rieures Et Ext\u00e9rieures Pour Le Nouveau Centre P\u00e9nitentiaire Mas D'Enric\" data-no-retina width=\"600\" height=\"314\" \/><\/a><\/div><div class=\"portfolio-entry-details entry-details wpex-clr\"><h2 class=\"portfolio-entry-title entry-title\"><a href=\"https:\/\/www.garciafaura.com\/fr\/portfolio-item\/centre-penitentiaire-mas-denric\/\" title=\"Centre P\u00e9nitentiaire Mas d&rsquo;Enric\">Centre P\u00e9nitentiaire Mas d&rsquo;Enric<\/a><\/h2><div class=\"portfolio-entry-categories entry-categories wpex-clr\"><a href=\"https:\/\/www.garciafaura.com\/fr\/portfolio-category\/batiments-de-services\/\" class=\"term-75\">B\u00e2timents de Services<\/a><\/div><\/div><\/div><\/div><div class=\"portfolio-entry vcex-grid-item entry-has-details span_1_of_3 col col-1 vcex-isotope-entry vcex-no-margin-entry post-20326 entry type-portfolio has-media cat-75 translation_priority-5\"><div class=\"portfolio-entry-inner entry-inner wpex-clr\"><div class=\"portfolio-entry-media entry-media wpex-clr\"><a href=\"https:\/\/www.garciafaura.com\/wp-content\/uploads\/2018\/11\/Tanatori-Vilafranca-02.jpg\" title=\"Fun\u00e9rarium de Vilafranca del Pened\u00e8s\" class=\"portfolio-entry-media-link wpex-lightbox-gallery\" data-gallery=\"[{&quot;src&quot;:&quot;https:\\\/\\\/www.garciafaura.com\\\/wp-content\\\/uploads\\\/2018\\\/11\\\/Tanatori-Vilafranca-76.jpg&quot;,&quot;title&quot;:&quot;Tancaments i treballs en ferro del nou Tanatori a la capital del Pened\\u00e8s&quot;},{&quot;src&quot;:&quot;https:\\\/\\\/www.garciafaura.com\\\/wp-content\\\/uploads\\\/2018\\\/11\\\/Tanatori-Vilafranca-75.jpg&quot;,&quot;title&quot;:&quot;Tancaments i treballs en ferro del nou Tanatori a la capital del Pened\\u00e8s&quot;},{&quot;src&quot;:&quot;https:\\\/\\\/www.garciafaura.com\\\/wp-content\\\/uploads\\\/2018\\\/11\\\/Tanatori-Vilafranca-74.jpg&quot;,&quot;title&quot;:&quot;Tancaments i treballs en ferro del nou Tanatori a la capital del Pened\\u00e8s&quot;},{&quot;src&quot;:&quot;https:\\\/\\\/www.garciafaura.com\\\/wp-content\\\/uploads\\\/2018\\\/11\\\/Tanatori-Vilafranca-73.jpg&quot;,&quot;title&quot;:&quot;Tancaments i treballs en ferro del nou Tanatori a la capital del Pened\\u00e8s&quot;},{&quot;src&quot;:&quot;https:\\\/\\\/www.garciafaura.com\\\/wp-content\\\/uploads\\\/2018\\\/11\\\/Tanatori-Vilafranca-72.jpg&quot;,&quot;title&quot;:&quot;Tancaments i treballs en ferro del nou Tanatori a la capital del Pened\\u00e8s&quot;},{&quot;src&quot;:&quot;https:\\\/\\\/www.garciafaura.com\\\/wp-content\\\/uploads\\\/2018\\\/11\\\/Tanatori-Vilafranca-71.jpg&quot;,&quot;title&quot;:&quot;Tancaments i treballs en ferro del nou Tanatori a la capital del Pened\\u00e8s&quot;},{&quot;src&quot;:&quot;https:\\\/\\\/www.garciafaura.com\\\/wp-content\\\/uploads\\\/2018\\\/11\\\/Tanatori-Vilafranca-70.jpg&quot;,&quot;title&quot;:&quot;Tancaments i treballs en ferro del nou Tanatori a la capital del Pened\\u00e8s&quot;},{&quot;src&quot;:&quot;https:\\\/\\\/www.garciafaura.com\\\/wp-content\\\/uploads\\\/2018\\\/11\\\/Tanatori-Vilafranca-69.jpg&quot;,&quot;title&quot;:&quot;Tancaments i treballs en ferro del nou Tanatori a la capital del Pened\\u00e8s&quot;},{&quot;src&quot;:&quot;https:\\\/\\\/www.garciafaura.com\\\/wp-content\\\/uploads\\\/2018\\\/11\\\/Tanatori-Vilafranca-68.jpg&quot;,&quot;title&quot;:&quot;Tancaments i treballs en ferro del nou Tanatori a la capital del Pened\\u00e8s&quot;},{&quot;src&quot;:&quot;https:\\\/\\\/www.garciafaura.com\\\/wp-content\\\/uploads\\\/2018\\\/11\\\/Tanatori-Vilafranca-67.jpg&quot;,&quot;title&quot;:&quot;Tancaments i treballs en ferro del nou Tanatori a la capital del Pened\\u00e8s&quot;},{&quot;src&quot;:&quot;https:\\\/\\\/www.garciafaura.com\\\/wp-content\\\/uploads\\\/2018\\\/11\\\/Tanatori-Vilafranca-66.jpg&quot;,&quot;title&quot;:&quot;Tancaments i treballs en ferro del nou Tanatori a la capital del Pened\\u00e8s&quot;},{&quot;src&quot;:&quot;https:\\\/\\\/www.garciafaura.com\\\/wp-content\\\/uploads\\\/2018\\\/11\\\/Tanatori-Vilafranca-65.jpg&quot;,&quot;title&quot;:&quot;Tancaments i treballs en ferro del nou Tanatori a la capital del Pened\\u00e8s&quot;},{&quot;src&quot;:&quot;https:\\\/\\\/www.garciafaura.com\\\/wp-content\\\/uploads\\\/2018\\\/11\\\/Tanatori-Vilafranca-64.jpg&quot;,&quot;title&quot;:&quot;Tancaments i treballs en ferro del nou Tanatori a la capital del Pened\\u00e8s&quot;},{&quot;src&quot;:&quot;https:\\\/\\\/www.garciafaura.com\\\/wp-content\\\/uploads\\\/2018\\\/11\\\/Tanatori-Vilafranca-63.jpg&quot;,&quot;title&quot;:&quot;Tancaments i treballs en ferro del nou Tanatori a la capital del Pened\\u00e8s&quot;},{&quot;src&quot;:&quot;https:\\\/\\\/www.garciafaura.com\\\/wp-content\\\/uploads\\\/2018\\\/11\\\/Tanatori-Vilafranca-62.jpg&quot;,&quot;title&quot;:&quot;Tancaments i treballs en ferro del nou Tanatori a la capital del Pened\\u00e8s&quot;},{&quot;src&quot;:&quot;https:\\\/\\\/www.garciafaura.com\\\/wp-content\\\/uploads\\\/2018\\\/11\\\/Tanatori-Vilafranca-61.jpg&quot;,&quot;title&quot;:&quot;Tancaments i treballs en ferro del nou Tanatori a la capital del Pened\\u00e8s&quot;},{&quot;src&quot;:&quot;https:\\\/\\\/www.garciafaura.com\\\/wp-content\\\/uploads\\\/2018\\\/11\\\/Tanatori-Vilafranca-60.jpg&quot;,&quot;title&quot;:&quot;Tancaments i treballs en ferro del nou Tanatori a la capital del Pened\\u00e8s&quot;},{&quot;src&quot;:&quot;https:\\\/\\\/www.garciafaura.com\\\/wp-content\\\/uploads\\\/2018\\\/11\\\/Tanatori-Vilafranca-59.jpg&quot;,&quot;title&quot;:&quot;Tancaments i treballs en ferro del nou Tanatori a la capital del Pened\\u00e8s&quot;},{&quot;src&quot;:&quot;https:\\\/\\\/www.garciafaura.com\\\/wp-content\\\/uploads\\\/2018\\\/11\\\/Tanatori-Vilafranca-58.jpg&quot;,&quot;title&quot;:&quot;Tancaments i treballs en ferro del nou Tanatori a la capital del Pened\\u00e8s&quot;},{&quot;src&quot;:&quot;https:\\\/\\\/www.garciafaura.com\\\/wp-content\\\/uploads\\\/2018\\\/11\\\/Tanatori-Vilafranca-57.jpg&quot;,&quot;title&quot;:&quot;Tancaments i treballs en ferro del nou Tanatori a la capital del Pened\\u00e8s&quot;},{&quot;src&quot;:&quot;https:\\\/\\\/www.garciafaura.com\\\/wp-content\\\/uploads\\\/2018\\\/11\\\/Tanatori-Vilafranca-56.jpg&quot;,&quot;title&quot;:&quot;Tancaments i treballs en ferro del nou Tanatori a la capital del Pened\\u00e8s&quot;},{&quot;src&quot;:&quot;https:\\\/\\\/www.garciafaura.com\\\/wp-content\\\/uploads\\\/2018\\\/11\\\/Tanatori-Vilafranca-55.jpg&quot;,&quot;title&quot;:&quot;Tancaments i treballs en ferro del nou Tanatori a la capital del Pened\\u00e8s&quot;},{&quot;src&quot;:&quot;https:\\\/\\\/www.garciafaura.com\\\/wp-content\\\/uploads\\\/2018\\\/11\\\/Tanatori-Vilafranca-54.jpg&quot;,&quot;title&quot;:&quot;Tancaments i treballs en ferro del nou Tanatori a la capital del Pened\\u00e8s&quot;},{&quot;src&quot;:&quot;https:\\\/\\\/www.garciafaura.com\\\/wp-content\\\/uploads\\\/2018\\\/11\\\/Tanatori-Vilafranca-53.jpg&quot;,&quot;title&quot;:&quot;Tancaments i treballs en ferro del nou Tanatori a la capital del Pened\\u00e8s&quot;},{&quot;src&quot;:&quot;https:\\\/\\\/www.garciafaura.com\\\/wp-content\\\/uploads\\\/2018\\\/11\\\/Tanatori-Vilafranca-52.jpg&quot;,&quot;title&quot;:&quot;Tancaments i treballs en ferro del nou Tanatori a la capital del Pened\\u00e8s&quot;},{&quot;src&quot;:&quot;https:\\\/\\\/www.garciafaura.com\\\/wp-content\\\/uploads\\\/2018\\\/11\\\/Tanatori-Vilafranca-51.jpg&quot;,&quot;title&quot;:&quot;Tancaments i treballs en ferro del nou Tanatori a la capital del Pened\\u00e8s&quot;},{&quot;src&quot;:&quot;https:\\\/\\\/www.garciafaura.com\\\/wp-content\\\/uploads\\\/2018\\\/11\\\/Tanatori-Vilafranca-50.jpg&quot;,&quot;title&quot;:&quot;Tancaments i treballs en ferro del nou Tanatori a la capital del Pened\\u00e8s&quot;},{&quot;src&quot;:&quot;https:\\\/\\\/www.garciafaura.com\\\/wp-content\\\/uploads\\\/2018\\\/11\\\/Tanatori-Vilafranca-49.jpg&quot;,&quot;title&quot;:&quot;Tancaments i treballs en ferro del nou Tanatori a la capital del Pened\\u00e8s&quot;},{&quot;src&quot;:&quot;https:\\\/\\\/www.garciafaura.com\\\/wp-content\\\/uploads\\\/2018\\\/11\\\/Tanatori-Vilafranca-48.jpg&quot;,&quot;title&quot;:&quot;Tancaments i treballs en ferro del nou Tanatori a la capital del Pened\\u00e8s&quot;},{&quot;src&quot;:&quot;https:\\\/\\\/www.garciafaura.com\\\/wp-content\\\/uploads\\\/2018\\\/11\\\/Tanatori-Vilafranca-47.jpg&quot;,&quot;title&quot;:&quot;Tancaments i treballs en ferro del nou Tanatori a la capital del Pened\\u00e8s&quot;},{&quot;src&quot;:&quot;https:\\\/\\\/www.garciafaura.com\\\/wp-content\\\/uploads\\\/2018\\\/11\\\/Tanatori-Vilafranca-45.jpg&quot;,&quot;title&quot;:&quot;Tancaments i treballs en ferro del nou Tanatori a la capital del Pened\\u00e8s&quot;},{&quot;src&quot;:&quot;https:\\\/\\\/www.garciafaura.com\\\/wp-content\\\/uploads\\\/2018\\\/11\\\/Tanatori-Vilafranca-46.jpg&quot;,&quot;title&quot;:&quot;Tancaments i treballs en ferro del nou Tanatori a la capital del Pened\\u00e8s&quot;},{&quot;src&quot;:&quot;https:\\\/\\\/www.garciafaura.com\\\/wp-content\\\/uploads\\\/2018\\\/11\\\/Tanatori-Vilafranca-44.jpg&quot;,&quot;title&quot;:&quot;Tancaments i treballs en ferro del nou Tanatori a la capital del Pened\\u00e8s&quot;},{&quot;src&quot;:&quot;https:\\\/\\\/www.garciafaura.com\\\/wp-content\\\/uploads\\\/2018\\\/11\\\/Tanatori-Vilafranca-43.jpg&quot;,&quot;title&quot;:&quot;Tancaments i treballs en ferro del nou Tanatori a la capital del Pened\\u00e8s&quot;},{&quot;src&quot;:&quot;https:\\\/\\\/www.garciafaura.com\\\/wp-content\\\/uploads\\\/2018\\\/11\\\/Tanatori-Vilafranca-42.jpg&quot;,&quot;title&quot;:&quot;Tancaments i treballs en ferro del nou Tanatori a la capital del Pened\\u00e8s&quot;},{&quot;src&quot;:&quot;https:\\\/\\\/www.garciafaura.com\\\/wp-content\\\/uploads\\\/2018\\\/11\\\/Tanatori-Vilafranca-41.jpg&quot;,&quot;title&quot;:&quot;Tancaments i treballs en ferro del nou Tanatori a la capital del Pened\\u00e8s&quot;},{&quot;src&quot;:&quot;https:\\\/\\\/www.garciafaura.com\\\/wp-content\\\/uploads\\\/2018\\\/11\\\/Tanatori-Vilafranca-40.jpg&quot;,&quot;title&quot;:&quot;Tancaments i treballs en ferro del nou Tanatori a la capital del Pened\\u00e8s&quot;},{&quot;src&quot;:&quot;https:\\\/\\\/www.garciafaura.com\\\/wp-content\\\/uploads\\\/2018\\\/11\\\/Tanatori-Vilafranca-39.jpg&quot;,&quot;title&quot;:&quot;Tancaments i treballs en ferro del nou Tanatori a la capital del Pened\\u00e8s&quot;},{&quot;src&quot;:&quot;https:\\\/\\\/www.garciafaura.com\\\/wp-content\\\/uploads\\\/2018\\\/11\\\/Tanatori-Vilafranca-38.jpg&quot;,&quot;title&quot;:&quot;Tancaments i treballs en ferro del nou Tanatori a la capital del Pened\\u00e8s&quot;},{&quot;src&quot;:&quot;https:\\\/\\\/www.garciafaura.com\\\/wp-content\\\/uploads\\\/2018\\\/11\\\/Tanatori-Vilafranca-37.jpg&quot;,&quot;title&quot;:&quot;Tancaments i treballs en ferro del nou Tanatori a la capital del Pened\\u00e8s&quot;},{&quot;src&quot;:&quot;https:\\\/\\\/www.garciafaura.com\\\/wp-content\\\/uploads\\\/2018\\\/11\\\/Tanatori-Vilafranca-36.jpg&quot;,&quot;title&quot;:&quot;Tancaments i treballs en ferro del nou Tanatori a la capital del Pened\\u00e8s&quot;},{&quot;src&quot;:&quot;https:\\\/\\\/www.garciafaura.com\\\/wp-content\\\/uploads\\\/2018\\\/11\\\/Tanatori-Vilafranca-35.jpg&quot;,&quot;title&quot;:&quot;Tancaments i treballs en ferro del nou Tanatori a la capital del Pened\\u00e8s&quot;},{&quot;src&quot;:&quot;https:\\\/\\\/www.garciafaura.com\\\/wp-content\\\/uploads\\\/2018\\\/11\\\/Tanatori-Vilafranca-34.jpg&quot;,&quot;title&quot;:&quot;Tancaments i treballs en ferro del nou Tanatori a la capital del Pened\\u00e8s&quot;},{&quot;src&quot;:&quot;https:\\\/\\\/www.garciafaura.com\\\/wp-content\\\/uploads\\\/2018\\\/11\\\/Tanatori-Vilafranca-33.jpg&quot;,&quot;title&quot;:&quot;Tancaments i treballs en ferro del nou Tanatori a la capital del Pened\\u00e8s&quot;},{&quot;src&quot;:&quot;https:\\\/\\\/www.garciafaura.com\\\/wp-content\\\/uploads\\\/2018\\\/11\\\/Tanatori-Vilafranca-32.jpg&quot;,&quot;title&quot;:&quot;Tancaments i treballs en ferro del nou Tanatori a la capital del Pened\\u00e8s&quot;},{&quot;src&quot;:&quot;https:\\\/\\\/www.garciafaura.com\\\/wp-content\\\/uploads\\\/2018\\\/11\\\/Tanatori-Vilafranca-31.jpg&quot;,&quot;title&quot;:&quot;Tancaments i treballs en ferro del nou Tanatori a la capital del Pened\\u00e8s&quot;},{&quot;src&quot;:&quot;https:\\\/\\\/www.garciafaura.com\\\/wp-content\\\/uploads\\\/2018\\\/11\\\/Tanatori-Vilafranca-30.jpg&quot;,&quot;title&quot;:&quot;Tancaments i treballs en ferro del nou Tanatori a la capital del Pened\\u00e8s&quot;},{&quot;src&quot;:&quot;https:\\\/\\\/www.garciafaura.com\\\/wp-content\\\/uploads\\\/2018\\\/11\\\/Tanatori-Vilafranca-29.jpg&quot;,&quot;title&quot;:&quot;Tancaments i treballs en ferro del nou Tanatori a la capital del Pened\\u00e8s&quot;},{&quot;src&quot;:&quot;https:\\\/\\\/www.garciafaura.com\\\/wp-content\\\/uploads\\\/2018\\\/11\\\/Tanatori-Vilafranca-28.jpg&quot;,&quot;title&quot;:&quot;Tancaments i treballs en ferro del nou Tanatori a la capital del Pened\\u00e8s&quot;},{&quot;src&quot;:&quot;https:\\\/\\\/www.garciafaura.com\\\/wp-content\\\/uploads\\\/2018\\\/11\\\/Tanatori-Vilafranca-27.jpg&quot;,&quot;title&quot;:&quot;Tancaments i treballs en ferro del nou Tanatori a la capital del Pened\\u00e8s&quot;},{&quot;src&quot;:&quot;https:\\\/\\\/www.garciafaura.com\\\/wp-content\\\/uploads\\\/2018\\\/11\\\/Tanatori-Vilafranca-26.jpg&quot;,&quot;title&quot;:&quot;Tancaments i treballs en ferro del nou Tanatori a la capital del Pened\\u00e8s&quot;},{&quot;src&quot;:&quot;https:\\\/\\\/www.garciafaura.com\\\/wp-content\\\/uploads\\\/2018\\\/11\\\/Tanatori-Vilafranca-25.jpg&quot;,&quot;title&quot;:&quot;Tancaments i treballs en ferro del nou Tanatori a la capital del Pened\\u00e8s&quot;},{&quot;src&quot;:&quot;https:\\\/\\\/www.garciafaura.com\\\/wp-content\\\/uploads\\\/2018\\\/11\\\/Tanatori-Vilafranca-24.jpg&quot;,&quot;title&quot;:&quot;Tancaments i treballs en ferro del nou Tanatori a la capital del Pened\\u00e8s&quot;},{&quot;src&quot;:&quot;https:\\\/\\\/www.garciafaura.com\\\/wp-content\\\/uploads\\\/2018\\\/11\\\/Tanatori-Vilafranca-23.jpg&quot;,&quot;title&quot;:&quot;Tancaments i treballs en ferro del nou Tanatori a la capital del Pened\\u00e8s&quot;},{&quot;src&quot;:&quot;https:\\\/\\\/www.garciafaura.com\\\/wp-content\\\/uploads\\\/2018\\\/11\\\/Tanatori-Vilafranca-22.jpg&quot;,&quot;title&quot;:&quot;Tancaments i treballs en ferro del nou Tanatori a la capital del Pened\\u00e8s&quot;},{&quot;src&quot;:&quot;https:\\\/\\\/www.garciafaura.com\\\/wp-content\\\/uploads\\\/2018\\\/11\\\/Tanatori-Vilafranca-21.jpg&quot;,&quot;title&quot;:&quot;Tancaments i treballs en ferro del nou Tanatori a la capital del Pened\\u00e8s&quot;},{&quot;src&quot;:&quot;https:\\\/\\\/www.garciafaura.com\\\/wp-content\\\/uploads\\\/2018\\\/11\\\/Tanatori-Vilafranca-20.jpg&quot;,&quot;title&quot;:&quot;Tancaments i treballs en ferro del nou Tanatori a la capital del Pened\\u00e8s&quot;},{&quot;src&quot;:&quot;https:\\\/\\\/www.garciafaura.com\\\/wp-content\\\/uploads\\\/2018\\\/11\\\/Tanatori-Vilafranca-18.jpg&quot;,&quot;title&quot;:&quot;Tancaments i treballs en ferro del nou Tanatori a la capital del Pened\\u00e8s&quot;},{&quot;src&quot;:&quot;https:\\\/\\\/www.garciafaura.com\\\/wp-content\\\/uploads\\\/2018\\\/11\\\/Tanatori-Vilafranca-19.jpg&quot;,&quot;title&quot;:&quot;Tancaments i treballs en ferro del nou Tanatori a la capital del Pened\\u00e8s&quot;},{&quot;src&quot;:&quot;https:\\\/\\\/www.garciafaura.com\\\/wp-content\\\/uploads\\\/2018\\\/11\\\/Tanatori-Vilafranca-17.jpg&quot;,&quot;title&quot;:&quot;Tancaments i treballs en ferro del nou Tanatori a la capital del Pened\\u00e8s&quot;},{&quot;src&quot;:&quot;https:\\\/\\\/www.garciafaura.com\\\/wp-content\\\/uploads\\\/2018\\\/11\\\/Tanatori-Vilafranca-16.jpg&quot;,&quot;title&quot;:&quot;Tancaments i treballs en ferro del nou Tanatori a la capital del Pened\\u00e8s&quot;},{&quot;src&quot;:&quot;https:\\\/\\\/www.garciafaura.com\\\/wp-content\\\/uploads\\\/2018\\\/11\\\/Tanatori-Vilafranca-15.jpg&quot;,&quot;title&quot;:&quot;Tancaments i treballs en ferro del nou Tanatori a la capital del Pened\\u00e8s&quot;},{&quot;src&quot;:&quot;https:\\\/\\\/www.garciafaura.com\\\/wp-content\\\/uploads\\\/2018\\\/11\\\/Tanatori-Vilafranca-14.jpg&quot;,&quot;title&quot;:&quot;Tancaments i treballs en ferro del nou Tanatori a la capital del Pened\\u00e8s&quot;},{&quot;src&quot;:&quot;https:\\\/\\\/www.garciafaura.com\\\/wp-content\\\/uploads\\\/2018\\\/11\\\/Tanatori-Vilafranca-13.jpg&quot;,&quot;title&quot;:&quot;Tancaments i treballs en ferro del nou Tanatori a la capital del Pened\\u00e8s&quot;},{&quot;src&quot;:&quot;https:\\\/\\\/www.garciafaura.com\\\/wp-content\\\/uploads\\\/2018\\\/11\\\/Tanatori-Vilafranca-12.jpg&quot;,&quot;title&quot;:&quot;Tancaments i treballs en ferro del nou Tanatori a la capital del Pened\\u00e8s&quot;},{&quot;src&quot;:&quot;https:\\\/\\\/www.garciafaura.com\\\/wp-content\\\/uploads\\\/2018\\\/11\\\/Tanatori-Vilafranca-11.jpg&quot;,&quot;title&quot;:&quot;Tancaments i treballs en ferro del nou Tanatori a la capital del Pened\\u00e8s&quot;},{&quot;src&quot;:&quot;https:\\\/\\\/www.garciafaura.com\\\/wp-content\\\/uploads\\\/2018\\\/11\\\/Tanatori-Vilafranca-10.jpg&quot;,&quot;title&quot;:&quot;Tancaments i treballs en ferro del nou Tanatori a la capital del Pened\\u00e8s&quot;},{&quot;src&quot;:&quot;https:\\\/\\\/www.garciafaura.com\\\/wp-content\\\/uploads\\\/2018\\\/11\\\/Tanatori-Vilafranca-09.jpg&quot;,&quot;title&quot;:&quot;Tancaments i treballs en ferro del nou Tanatori a la capital del Pened\\u00e8s&quot;},{&quot;src&quot;:&quot;https:\\\/\\\/www.garciafaura.com\\\/wp-content\\\/uploads\\\/2018\\\/11\\\/Tanatori-Vilafranca-08.jpg&quot;,&quot;title&quot;:&quot;Tancaments i treballs en ferro del nou Tanatori a la capital del Pened\\u00e8s&quot;},{&quot;src&quot;:&quot;https:\\\/\\\/www.garciafaura.com\\\/wp-content\\\/uploads\\\/2018\\\/11\\\/Tanatori-Vilafranca-07.jpg&quot;,&quot;title&quot;:&quot;Tancaments i treballs en ferro del nou Tanatori a la capital del Pened\\u00e8s&quot;},{&quot;src&quot;:&quot;https:\\\/\\\/www.garciafaura.com\\\/wp-content\\\/uploads\\\/2018\\\/11\\\/Tanatori-Vilafranca-06.jpg&quot;,&quot;title&quot;:&quot;Tancaments i treballs en ferro del nou Tanatori a la capital del Pened\\u00e8s&quot;},{&quot;src&quot;:&quot;https:\\\/\\\/www.garciafaura.com\\\/wp-content\\\/uploads\\\/2018\\\/11\\\/Tanatori-Vilafranca-05.jpg&quot;,&quot;title&quot;:&quot;Tancaments i treballs en ferro del nou Tanatori a la capital del Pened\\u00e8s&quot;},{&quot;src&quot;:&quot;https:\\\/\\\/www.garciafaura.com\\\/wp-content\\\/uploads\\\/2018\\\/11\\\/Tanatori-Vilafranca-04.jpg&quot;,&quot;title&quot;:&quot;Tancaments i treballs en ferro del nou Tanatori a la capital del Pened\\u00e8s&quot;},{&quot;src&quot;:&quot;https:\\\/\\\/www.garciafaura.com\\\/wp-content\\\/uploads\\\/2018\\\/11\\\/Tanatori-Vilafranca-03.jpg&quot;,&quot;title&quot;:&quot;Tancaments i treballs en ferro del nou Tanatori a la capital del Pened\\u00e8s&quot;},{&quot;src&quot;:&quot;https:\\\/\\\/www.garciafaura.com\\\/wp-content\\\/uploads\\\/2018\\\/11\\\/Tanatori-Vilafranca-02.jpg&quot;,&quot;title&quot;:&quot;Fermetures et travaux en fer pour le nouveau fun\\u00e9rarium de la capitale de l&#039;Alt Pened\\u00e8s&quot;},{&quot;src&quot;:&quot;https:\\\/\\\/www.garciafaura.com\\\/wp-content\\\/uploads\\\/2018\\\/11\\\/Tanatori-Vilafranca-01.jpg&quot;,&quot;title&quot;:&quot;Tancaments i treballs en ferro del nou Tanatori a la capital del Pened\\u00e8s&quot;}]\"><img decoding=\"async\" data-no-lazy=\"1\" class=\"portfolio-entry-img skip-lazy\" src=\"https:\/\/www.garciafaura.com\/wp-content\/uploads\/2018\/11\/Tanatori-Vilafranca-02-x.jpg\" alt=\"Fermetures Et Travaux En Fer Pour Le Nouveau Fun\u00e9rarium De La Capitale De L'Alt Pened\u00e8s\" data-no-retina \/><\/a><\/div><div class=\"portfolio-entry-details entry-details wpex-clr\"><h2 class=\"portfolio-entry-title entry-title\"><a href=\"https:\/\/www.garciafaura.com\/fr\/portfolio-item\/funerarium-de-vilafranca-del-penedes\/\" title=\"Fun\u00e9rarium de Vilafranca del Pened\u00e8s\">Fun\u00e9rarium de Vilafranca del Pened\u00e8s<\/a><\/h2><div class=\"portfolio-entry-categories entry-categories wpex-clr\"><a href=\"https:\/\/www.garciafaura.com\/fr\/portfolio-category\/batiments-de-services\/\" class=\"term-75\">B\u00e2timents de Services<\/a><\/div><\/div><\/div><\/div><div class=\"portfolio-entry vcex-grid-item entry-has-details span_1_of_3 col col-2 vcex-isotope-entry vcex-no-margin-entry post-20324 entry type-portfolio has-media cat-75 cat-90 translation_priority-5\"><div class=\"portfolio-entry-inner entry-inner wpex-clr\"><div class=\"portfolio-entry-media entry-media wpex-clr\"><a href=\"https:\/\/www.garciafaura.com\/wp-content\/uploads\/2018\/11\/Estacio\u0301-trens-Gava\u0300-01.jpg\" title=\"Gare de Gav\u00e0\" class=\"portfolio-entry-media-link wpex-lightbox-gallery\" data-gallery=\"[{&quot;src&quot;:&quot;https:\\\/\\\/www.garciafaura.com\\\/wp-content\\\/uploads\\\/2018\\\/11\\\/Estacio\\u0301-trens-Gava\\u0300-01.jpg&quot;,&quot;title&quot;:&quot;R\\u00e9am\\u00e9nagement du b\\u00e2timent historique et fermetures pour le nouveau module de services de la gare&quot;},{&quot;src&quot;:&quot;https:\\\/\\\/www.garciafaura.com\\\/wp-content\\\/uploads\\\/2018\\\/11\\\/Estacio\\u0301-trens-Gava\\u0300-13.jpg&quot;,&quot;title&quot;:&quot;Rehabilitaci\\u00f3 de l&#039;edifici hist\\u00f2ric i tancaments del nou m\\u00f2dul de serveis de l&#039;estaci\\u00f3&quot;},{&quot;src&quot;:&quot;https:\\\/\\\/www.garciafaura.com\\\/wp-content\\\/uploads\\\/2018\\\/11\\\/Estacio\\u0301-trens-Gava\\u0300-11.jpg&quot;,&quot;title&quot;:&quot;Rehabilitaci\\u00f3 de l&#039;edifici hist\\u00f2ric i tancaments del nou m\\u00f2dul de serveis de l&#039;estaci\\u00f3&quot;},{&quot;src&quot;:&quot;https:\\\/\\\/www.garciafaura.com\\\/wp-content\\\/uploads\\\/2018\\\/11\\\/Estacio\\u0301-trens-Gava\\u0300-10.jpg&quot;,&quot;title&quot;:&quot;Rehabilitaci\\u00f3 de l&#039;edifici hist\\u00f2ric i tancaments del nou m\\u00f2dul de serveis de l&#039;estaci\\u00f3&quot;},{&quot;src&quot;:&quot;https:\\\/\\\/www.garciafaura.com\\\/wp-content\\\/uploads\\\/2018\\\/11\\\/Estacio\\u0301-trens-Gava\\u0300-09.jpg&quot;,&quot;title&quot;:&quot;Rehabilitaci\\u00f3 de l&#039;edifici hist\\u00f2ric i tancaments del nou m\\u00f2dul de serveis de l&#039;estaci\\u00f3&quot;},{&quot;src&quot;:&quot;https:\\\/\\\/www.garciafaura.com\\\/wp-content\\\/uploads\\\/2018\\\/11\\\/Estacio\\u0301-trens-Gava\\u0300-08.jpg&quot;,&quot;title&quot;:&quot;Rehabilitaci\\u00f3 de l&#039;edifici hist\\u00f2ric i tancaments del nou m\\u00f2dul de serveis de l&#039;estaci\\u00f3&quot;},{&quot;src&quot;:&quot;https:\\\/\\\/www.garciafaura.com\\\/wp-content\\\/uploads\\\/2018\\\/11\\\/Estacio\\u0301-trens-Gava\\u0300-07.jpg&quot;,&quot;title&quot;:&quot;Rehabilitaci\\u00f3 de l&#039;edifici hist\\u00f2ric i tancaments del nou m\\u00f2dul de serveis de l&#039;estaci\\u00f3&quot;},{&quot;src&quot;:&quot;https:\\\/\\\/www.garciafaura.com\\\/wp-content\\\/uploads\\\/2018\\\/11\\\/Estacio\\u0301-trens-Gava\\u0300-06.jpg&quot;,&quot;title&quot;:&quot;Rehabilitaci\\u00f3 de l&#039;edifici hist\\u00f2ric i tancaments del nou m\\u00f2dul de serveis de l&#039;estaci\\u00f3&quot;},{&quot;src&quot;:&quot;https:\\\/\\\/www.garciafaura.com\\\/wp-content\\\/uploads\\\/2018\\\/11\\\/Estacio\\u0301-trens-Gava\\u0300-05.jpg&quot;,&quot;title&quot;:&quot;Rehabilitaci\\u00f3 de l&#039;edifici hist\\u00f2ric i tancaments del nou m\\u00f2dul de serveis de l&#039;estaci\\u00f3&quot;},{&quot;src&quot;:&quot;https:\\\/\\\/www.garciafaura.com\\\/wp-content\\\/uploads\\\/2018\\\/11\\\/Estacio\\u0301-trens-Gava\\u0300-04.jpg&quot;,&quot;title&quot;:&quot;Rehabilitaci\\u00f3 de l&#039;edifici hist\\u00f2ric i tancaments del nou m\\u00f2dul de serveis de l&#039;estaci\\u00f3&quot;},{&quot;src&quot;:&quot;https:\\\/\\\/www.garciafaura.com\\\/wp-content\\\/uploads\\\/2018\\\/11\\\/Estacio\\u0301-trens-Gava\\u0300-03.jpg&quot;,&quot;title&quot;:&quot;Rehabilitaci\\u00f3 de l&#039;edifici hist\\u00f2ric i tancaments del nou m\\u00f2dul de serveis de l&#039;estaci\\u00f3&quot;},{&quot;src&quot;:&quot;https:\\\/\\\/www.garciafaura.com\\\/wp-content\\\/uploads\\\/2018\\\/11\\\/Estacio\\u0301-trens-Gava\\u0300-02.jpg&quot;,&quot;title&quot;:&quot;Rehabilitaci\\u00f3 de l&#039;edifici hist\\u00f2ric i tancaments del nou m\\u00f2dul de serveis de l&#039;estaci\\u00f3&quot;}]\"><img decoding=\"async\" data-no-lazy=\"1\" class=\"portfolio-entry-img skip-lazy\" src=\"https:\/\/www.garciafaura.com\/wp-content\/uploads\/2018\/11\/Estacio\u0301-trens-Gava\u0300-01-x.jpg\" alt=\"R\u00e9am\u00e9nagement Du B\u00e2timent Historique Et Fermetures Pour Le Nouveau Module De Services De La Gare\" data-no-retina \/><\/a><\/div><div class=\"portfolio-entry-details entry-details wpex-clr\"><h2 class=\"portfolio-entry-title entry-title\"><a href=\"https:\/\/www.garciafaura.com\/fr\/portfolio-item\/gare-de-gava\/\" title=\"Gare de Gav\u00e0\">Gare de Gav\u00e0<\/a><\/h2><div class=\"portfolio-entry-categories entry-categories wpex-clr\"><a href=\"https:\/\/www.garciafaura.com\/fr\/portfolio-category\/batiments-de-services\/\" class=\"term-75\">B\u00e2timents de Services<\/a><\/div><\/div><\/div><\/div><div class=\"portfolio-entry vcex-grid-item entry-has-details span_1_of_3 col col-3 vcex-isotope-entry vcex-no-margin-entry post-20323 entry type-portfolio has-media cat-75 cat-90 translation_priority-5\"><div class=\"portfolio-entry-inner entry-inner wpex-clr\"><div class=\"portfolio-entry-media entry-media wpex-clr\"><a href=\"https:\/\/www.garciafaura.com\/wp-content\/uploads\/2018\/11\/Centre-Recursos-Fami\u0301lies-Gava\u0300-10.jpg\" title=\"Centre de Ressources pour les Familles\" class=\"portfolio-entry-media-link wpex-lightbox-gallery\" data-gallery=\"[{&quot;src&quot;:&quot;https:\\\/\\\/www.garciafaura.com\\\/wp-content\\\/uploads\\\/2018\\\/11\\\/Centre-Recursos-Fami\\u0301lies-Gava\\u0300-10.jpg&quot;,&quot;title&quot;:&quot;Fermetures et rev\\u00eatement de fa\\u00e7ade pour ce b\\u00e2timent municipal \\u00e0 Gav\\u00e0&quot;},{&quot;src&quot;:&quot;https:\\\/\\\/www.garciafaura.com\\\/wp-content\\\/uploads\\\/2018\\\/11\\\/Centre-Recursos-Fami\\u0301lies-Gava\\u0300-12.jpg&quot;,&quot;title&quot;:&quot;Tancaments i revestiment de fa\\u00e7ana d&#039;aquest equipament municipal de Gav\\u00e0&quot;},{&quot;src&quot;:&quot;https:\\\/\\\/www.garciafaura.com\\\/wp-content\\\/uploads\\\/2018\\\/11\\\/Centre-Recursos-Fami\\u0301lies-Gava\\u0300-11.jpg&quot;,&quot;title&quot;:&quot;Tancaments i revestiment de fa\\u00e7ana d&#039;aquest equipament municipal de Gav\\u00e0&quot;},{&quot;src&quot;:&quot;https:\\\/\\\/www.garciafaura.com\\\/wp-content\\\/uploads\\\/2018\\\/11\\\/Centre-Recursos-Fami\\u0301lies-Gava\\u0300-01.jpg&quot;,&quot;title&quot;:&quot;Tancaments i revestiment de fa\\u00e7ana d&#039;aquest equipament municipal de Gav\\u00e0&quot;},{&quot;src&quot;:&quot;https:\\\/\\\/www.garciafaura.com\\\/wp-content\\\/uploads\\\/2018\\\/11\\\/Centre-Recursos-Fami\\u0301lies-Gava\\u0300-09.jpg&quot;,&quot;title&quot;:&quot;Tancaments i revestiment de fa\\u00e7ana d&#039;aquest equipament municipal de Gav\\u00e0&quot;},{&quot;src&quot;:&quot;https:\\\/\\\/www.garciafaura.com\\\/wp-content\\\/uploads\\\/2018\\\/11\\\/Centre-Recursos-Fami\\u0301lies-Gava\\u0300-08.jpg&quot;,&quot;title&quot;:&quot;Tancaments i revestiment de fa\\u00e7ana d&#039;aquest equipament municipal de Gav\\u00e0&quot;},{&quot;src&quot;:&quot;https:\\\/\\\/www.garciafaura.com\\\/wp-content\\\/uploads\\\/2018\\\/11\\\/Centre-Recursos-Fami\\u0301lies-Gava\\u0300-06.jpg&quot;,&quot;title&quot;:&quot;Tancaments i revestiment de fa\\u00e7ana d&#039;aquest equipament municipal de Gav\\u00e0&quot;},{&quot;src&quot;:&quot;https:\\\/\\\/www.garciafaura.com\\\/wp-content\\\/uploads\\\/2018\\\/11\\\/Centre-Recursos-Fami\\u0301lies-Gava\\u0300-07.jpg&quot;,&quot;title&quot;:&quot;Tancaments i revestiment de fa\\u00e7ana d&#039;aquest equipament municipal de Gav\\u00e0&quot;},{&quot;src&quot;:&quot;https:\\\/\\\/www.garciafaura.com\\\/wp-content\\\/uploads\\\/2018\\\/11\\\/Centre-Recursos-Fami\\u0301lies-Gava\\u0300-05.jpg&quot;,&quot;title&quot;:&quot;Tancaments i revestiment de fa\\u00e7ana d&#039;aquest equipament municipal de Gav\\u00e0&quot;},{&quot;src&quot;:&quot;https:\\\/\\\/www.garciafaura.com\\\/wp-content\\\/uploads\\\/2018\\\/11\\\/Centre-Recursos-Fami\\u0301lies-Gava\\u0300-04.jpg&quot;,&quot;title&quot;:&quot;Tancaments i revestiment de fa\\u00e7ana d&#039;aquest equipament municipal de Gav\\u00e0&quot;},{&quot;src&quot;:&quot;https:\\\/\\\/www.garciafaura.com\\\/wp-content\\\/uploads\\\/2018\\\/11\\\/Centre-Recursos-Fami\\u0301lies-Gava\\u0300-03.jpg&quot;,&quot;title&quot;:&quot;Tancaments i revestiment de fa\\u00e7ana d&#039;aquest equipament municipal de Gav\\u00e0&quot;},{&quot;src&quot;:&quot;https:\\\/\\\/www.garciafaura.com\\\/wp-content\\\/uploads\\\/2018\\\/11\\\/Centre-Recursos-Fami\\u0301lies-Gava\\u0300-02.jpg&quot;,&quot;title&quot;:&quot;Tancaments i revestiment de fa\\u00e7ana d&#039;aquest equipament municipal de Gav\\u00e0&quot;},{&quot;src&quot;:&quot;https:\\\/\\\/www.garciafaura.com\\\/wp-content\\\/uploads\\\/2018\\\/11\\\/Centre-Recursos-Fami\\u0301lies-Gava\\u0300-41.jpg&quot;,&quot;title&quot;:&quot;Tancaments i revestiment de fa\\u00e7ana d&#039;aquest equipament municipal de Gav\\u00e0&quot;},{&quot;src&quot;:&quot;https:\\\/\\\/www.garciafaura.com\\\/wp-content\\\/uploads\\\/2018\\\/11\\\/Centre-Recursos-Fami\\u0301lies-Gava\\u0300-40.jpg&quot;,&quot;title&quot;:&quot;Tancaments i revestiment de fa\\u00e7ana d&#039;aquest equipament municipal de Gav\\u00e0&quot;},{&quot;src&quot;:&quot;https:\\\/\\\/www.garciafaura.com\\\/wp-content\\\/uploads\\\/2018\\\/11\\\/Centre-Recursos-Fami\\u0301lies-Gava\\u0300-39.jpg&quot;,&quot;title&quot;:&quot;Tancaments i revestiment de fa\\u00e7ana d&#039;aquest equipament municipal de Gav\\u00e0&quot;},{&quot;src&quot;:&quot;https:\\\/\\\/www.garciafaura.com\\\/wp-content\\\/uploads\\\/2018\\\/11\\\/Centre-Recursos-Fami\\u0301lies-Gava\\u0300-38.jpg&quot;,&quot;title&quot;:&quot;Tancaments i revestiment de fa\\u00e7ana d&#039;aquest equipament municipal de Gav\\u00e0&quot;},{&quot;src&quot;:&quot;https:\\\/\\\/www.garciafaura.com\\\/wp-content\\\/uploads\\\/2018\\\/11\\\/Centre-Recursos-Fami\\u0301lies-Gava\\u0300-37.jpg&quot;,&quot;title&quot;:&quot;Tancaments i revestiment de fa\\u00e7ana d&#039;aquest equipament municipal de Gav\\u00e0&quot;},{&quot;src&quot;:&quot;https:\\\/\\\/www.garciafaura.com\\\/wp-content\\\/uploads\\\/2018\\\/11\\\/Centre-Recursos-Fami\\u0301lies-Gava\\u0300-36.jpg&quot;,&quot;title&quot;:&quot;Tancaments i revestiment de fa\\u00e7ana d&#039;aquest equipament municipal de Gav\\u00e0&quot;},{&quot;src&quot;:&quot;https:\\\/\\\/www.garciafaura.com\\\/wp-content\\\/uploads\\\/2018\\\/11\\\/Centre-Recursos-Fami\\u0301lies-Gava\\u0300-35.jpg&quot;,&quot;title&quot;:&quot;Tancaments i revestiment de fa\\u00e7ana d&#039;aquest equipament municipal de Gav\\u00e0&quot;},{&quot;src&quot;:&quot;https:\\\/\\\/www.garciafaura.com\\\/wp-content\\\/uploads\\\/2018\\\/11\\\/Centre-Recursos-Fami\\u0301lies-Gava\\u0300-34.jpg&quot;,&quot;title&quot;:&quot;Tancaments i revestiment de fa\\u00e7ana d&#039;aquest equipament municipal de Gav\\u00e0&quot;},{&quot;src&quot;:&quot;https:\\\/\\\/www.garciafaura.com\\\/wp-content\\\/uploads\\\/2018\\\/11\\\/Centre-Recursos-Fami\\u0301lies-Gava\\u0300-33.jpg&quot;,&quot;title&quot;:&quot;Tancaments i revestiment de fa\\u00e7ana d&#039;aquest equipament municipal de Gav\\u00e0&quot;},{&quot;src&quot;:&quot;https:\\\/\\\/www.garciafaura.com\\\/wp-content\\\/uploads\\\/2018\\\/11\\\/Centre-Recursos-Fami\\u0301lies-Gava\\u0300-32.jpg&quot;,&quot;title&quot;:&quot;Tancaments i revestiment de fa\\u00e7ana d&#039;aquest equipament municipal de Gav\\u00e0&quot;},{&quot;src&quot;:&quot;https:\\\/\\\/www.garciafaura.com\\\/wp-content\\\/uploads\\\/2018\\\/11\\\/Centre-Recursos-Fami\\u0301lies-Gava\\u0300-31.jpg&quot;,&quot;title&quot;:&quot;Tancaments i revestiment de fa\\u00e7ana d&#039;aquest equipament municipal de Gav\\u00e0&quot;},{&quot;src&quot;:&quot;https:\\\/\\\/www.garciafaura.com\\\/wp-content\\\/uploads\\\/2018\\\/11\\\/Centre-Recursos-Fami\\u0301lies-Gava\\u0300-30.jpg&quot;,&quot;title&quot;:&quot;Tancaments i revestiment de fa\\u00e7ana d&#039;aquest equipament municipal de Gav\\u00e0&quot;},{&quot;src&quot;:&quot;https:\\\/\\\/www.garciafaura.com\\\/wp-content\\\/uploads\\\/2018\\\/11\\\/Centre-Recursos-Fami\\u0301lies-Gava\\u0300-29.jpg&quot;,&quot;title&quot;:&quot;Tancaments i revestiment de fa\\u00e7ana d&#039;aquest equipament municipal de Gav\\u00e0&quot;},{&quot;src&quot;:&quot;https:\\\/\\\/www.garciafaura.com\\\/wp-content\\\/uploads\\\/2018\\\/11\\\/Centre-Recursos-Fami\\u0301lies-Gava\\u0300-28.jpg&quot;,&quot;title&quot;:&quot;Tancaments i revestiment de fa\\u00e7ana d&#039;aquest equipament municipal de Gav\\u00e0&quot;},{&quot;src&quot;:&quot;https:\\\/\\\/www.garciafaura.com\\\/wp-content\\\/uploads\\\/2018\\\/11\\\/Centre-Recursos-Fami\\u0301lies-Gava\\u0300-27.jpg&quot;,&quot;title&quot;:&quot;Tancaments i revestiment de fa\\u00e7ana d&#039;aquest equipament municipal de Gav\\u00e0&quot;},{&quot;src&quot;:&quot;https:\\\/\\\/www.garciafaura.com\\\/wp-content\\\/uploads\\\/2018\\\/11\\\/Centre-Recursos-Fami\\u0301lies-Gava\\u0300-26.jpg&quot;,&quot;title&quot;:&quot;Tancaments i revestiment de fa\\u00e7ana d&#039;aquest equipament municipal de Gav\\u00e0&quot;},{&quot;src&quot;:&quot;https:\\\/\\\/www.garciafaura.com\\\/wp-content\\\/uploads\\\/2018\\\/11\\\/Centre-Recursos-Fami\\u0301lies-Gava\\u0300-25.jpg&quot;,&quot;title&quot;:&quot;Tancaments i revestiment de fa\\u00e7ana d&#039;aquest equipament municipal de Gav\\u00e0&quot;},{&quot;src&quot;:&quot;https:\\\/\\\/www.garciafaura.com\\\/wp-content\\\/uploads\\\/2018\\\/11\\\/Centre-Recursos-Fami\\u0301lies-Gava\\u0300-24.jpg&quot;,&quot;title&quot;:&quot;Tancaments i revestiment de fa\\u00e7ana d&#039;aquest equipament municipal de Gav\\u00e0&quot;},{&quot;src&quot;:&quot;https:\\\/\\\/www.garciafaura.com\\\/wp-content\\\/uploads\\\/2018\\\/11\\\/Centre-Recursos-Fami\\u0301lies-Gava\\u0300-23.jpg&quot;,&quot;title&quot;:&quot;Tancaments i revestiment de fa\\u00e7ana d&#039;aquest equipament municipal de Gav\\u00e0&quot;},{&quot;src&quot;:&quot;https:\\\/\\\/www.garciafaura.com\\\/wp-content\\\/uploads\\\/2018\\\/11\\\/Centre-Recursos-Fami\\u0301lies-Gava\\u0300-22.jpg&quot;,&quot;title&quot;:&quot;Tancaments i revestiment de fa\\u00e7ana d&#039;aquest equipament municipal de Gav\\u00e0&quot;},{&quot;src&quot;:&quot;https:\\\/\\\/www.garciafaura.com\\\/wp-content\\\/uploads\\\/2018\\\/11\\\/Centre-Recursos-Fami\\u0301lies-Gava\\u0300-21.jpg&quot;,&quot;title&quot;:&quot;Tancaments i revestiment de fa\\u00e7ana d&#039;aquest equipament municipal de Gav\\u00e0&quot;},{&quot;src&quot;:&quot;https:\\\/\\\/www.garciafaura.com\\\/wp-content\\\/uploads\\\/2018\\\/11\\\/Centre-Recursos-Fami\\u0301lies-Gava\\u0300-20.jpg&quot;,&quot;title&quot;:&quot;Tancaments i revestiment de fa\\u00e7ana d&#039;aquest equipament municipal de Gav\\u00e0&quot;},{&quot;src&quot;:&quot;https:\\\/\\\/www.garciafaura.com\\\/wp-content\\\/uploads\\\/2018\\\/11\\\/Centre-Recursos-Fami\\u0301lies-Gava\\u0300-19.jpg&quot;,&quot;title&quot;:&quot;Tancaments i revestiment de fa\\u00e7ana d&#039;aquest equipament municipal de Gav\\u00e0&quot;},{&quot;src&quot;:&quot;https:\\\/\\\/www.garciafaura.com\\\/wp-content\\\/uploads\\\/2018\\\/11\\\/Centre-Recursos-Fami\\u0301lies-Gava\\u0300-18.jpg&quot;,&quot;title&quot;:&quot;Tancaments i revestiment de fa\\u00e7ana d&#039;aquest equipament municipal de Gav\\u00e0&quot;},{&quot;src&quot;:&quot;https:\\\/\\\/www.garciafaura.com\\\/wp-content\\\/uploads\\\/2018\\\/11\\\/Centre-Recursos-Fami\\u0301lies-Gava\\u0300-17.jpg&quot;,&quot;title&quot;:&quot;Tancaments i revestiment de fa\\u00e7ana d&#039;aquest equipament municipal de Gav\\u00e0&quot;},{&quot;src&quot;:&quot;https:\\\/\\\/www.garciafaura.com\\\/wp-content\\\/uploads\\\/2018\\\/11\\\/Centre-Recursos-Fami\\u0301lies-Gava\\u0300-16.jpg&quot;,&quot;title&quot;:&quot;Tancaments i revestiment de fa\\u00e7ana d&#039;aquest equipament municipal de Gav\\u00e0&quot;},{&quot;src&quot;:&quot;https:\\\/\\\/www.garciafaura.com\\\/wp-content\\\/uploads\\\/2018\\\/11\\\/Centre-Recursos-Fami\\u0301lies-Gava\\u0300-15.jpg&quot;,&quot;title&quot;:&quot;Tancaments i revestiment de fa\\u00e7ana d&#039;aquest equipament municipal de Gav\\u00e0&quot;},{&quot;src&quot;:&quot;https:\\\/\\\/www.garciafaura.com\\\/wp-content\\\/uploads\\\/2018\\\/11\\\/Centre-Recursos-Fami\\u0301lies-Gava\\u0300-14.jpg&quot;,&quot;title&quot;:&quot;Tancaments i revestiment de fa\\u00e7ana d&#039;aquest equipament municipal de Gav\\u00e0&quot;},{&quot;src&quot;:&quot;https:\\\/\\\/www.garciafaura.com\\\/wp-content\\\/uploads\\\/2018\\\/11\\\/Centre-Recursos-Fami\\u0301lies-Gava\\u0300-13.jpg&quot;,&quot;title&quot;:&quot;Tancaments i revestiment de fa\\u00e7ana d&#039;aquest equipament municipal de Gav\\u00e0&quot;}]\"><img decoding=\"async\" data-no-lazy=\"1\" class=\"portfolio-entry-img skip-lazy\" src=\"https:\/\/www.garciafaura.com\/wp-content\/uploads\/2018\/11\/Centre-Recursos-Fami\u0301lies-Gava\u0300-10-x.jpg\" alt=\"Fermetures Et Rev\u00eatement De Fa\u00e7ade Pour Ce B\u00e2timent Municipal \u00e0 Gav\u00e0\" data-no-retina \/><\/a><\/div><div class=\"portfolio-entry-details entry-details wpex-clr\"><h2 class=\"portfolio-entry-title entry-title\"><a href=\"https:\/\/www.garciafaura.com\/fr\/portfolio-item\/centre-de-ressources-pour-les-familles\/\" title=\"Centre de Ressources pour les Familles\">Centre de Ressources pour les Familles<\/a><\/h2><div class=\"portfolio-entry-categories entry-categories wpex-clr\"><a href=\"https:\/\/www.garciafaura.com\/fr\/portfolio-category\/batiments-de-services\/\" class=\"term-75\">B\u00e2timents de Services<\/a><\/div><\/div><\/div><\/div><div class=\"portfolio-entry vcex-grid-item entry-has-details span_1_of_3 col col-1 vcex-isotope-entry vcex-no-margin-entry post-20009 entry type-portfolio has-media cat-75 translation_priority-5\"><div class=\"portfolio-entry-inner entry-inner wpex-clr\"><div class=\"portfolio-entry-media entry-media wpex-clr\"><a href=\"https:\/\/www.garciafaura.com\/wp-content\/uploads\/2019\/02\/277-01.jpg\" title=\"Lyc\u00e9e Viladomat\" class=\"portfolio-entry-media-link wpex-lightbox-gallery\" data-gallery=\"[{&quot;src&quot;:&quot;https:\\\/\\\/www.garciafaura.com\\\/wp-content\\\/uploads\\\/2019\\\/02\\\/277-01.jpg&quot;,&quot;title&quot;:&quot;Fermetures pour le nouvel \\u00e9tablissement d&#039;enseignement secondaire de Barcelone.&quot;,&quot;caption&quot;:&quot;Fermetures pour le nouvel \\u00e9tablissement d&#039;enseignement secondaire de Barcelone.&quot;},{&quot;src&quot;:&quot;https:\\\/\\\/www.garciafaura.com\\\/wp-content\\\/uploads\\\/2019\\\/02\\\/277-12.jpg&quot;,&quot;title&quot;:&quot;Tancaments per al nou centre d&#039;educaci\\u00f3 secund\\u00e0ria de Barcelona.&quot;,&quot;caption&quot;:&quot;Tancaments per al nou centre d&#039;educaci\\u00f3 secund\\u00e0ria de Barcelona.&quot;},{&quot;src&quot;:&quot;https:\\\/\\\/www.garciafaura.com\\\/wp-content\\\/uploads\\\/2019\\\/02\\\/277-11.jpg&quot;,&quot;title&quot;:&quot;Tancaments per al nou centre d&#039;educaci\\u00f3 secund\\u00e0ria de Barcelona.&quot;,&quot;caption&quot;:&quot;Tancaments per al nou centre d&#039;educaci\\u00f3 secund\\u00e0ria de Barcelona.&quot;},{&quot;src&quot;:&quot;https:\\\/\\\/www.garciafaura.com\\\/wp-content\\\/uploads\\\/2019\\\/02\\\/277-10.jpg&quot;,&quot;title&quot;:&quot;Tancaments per al nou centre d&#039;educaci\\u00f3 secund\\u00e0ria de Barcelona.&quot;,&quot;caption&quot;:&quot;Tancaments per al nou centre d&#039;educaci\\u00f3 secund\\u00e0ria de Barcelona.&quot;},{&quot;src&quot;:&quot;https:\\\/\\\/www.garciafaura.com\\\/wp-content\\\/uploads\\\/2019\\\/02\\\/277-09.jpg&quot;,&quot;title&quot;:&quot;Tancaments per al nou centre d&#039;educaci\\u00f3 secund\\u00e0ria de Barcelona.&quot;,&quot;caption&quot;:&quot;Tancaments per al nou centre d&#039;educaci\\u00f3 secund\\u00e0ria de Barcelona.&quot;},{&quot;src&quot;:&quot;https:\\\/\\\/www.garciafaura.com\\\/wp-content\\\/uploads\\\/2019\\\/02\\\/277-08.jpg&quot;,&quot;title&quot;:&quot;Tancaments per al nou centre d&#039;educaci\\u00f3 secund\\u00e0ria de Barcelona.&quot;,&quot;caption&quot;:&quot;Tancaments per al nou centre d&#039;educaci\\u00f3 secund\\u00e0ria de Barcelona.&quot;},{&quot;src&quot;:&quot;https:\\\/\\\/www.garciafaura.com\\\/wp-content\\\/uploads\\\/2019\\\/02\\\/277-07.jpg&quot;,&quot;title&quot;:&quot;Tancaments per al nou centre d&#039;educaci\\u00f3 secund\\u00e0ria de Barcelona.&quot;,&quot;caption&quot;:&quot;Tancaments per al nou centre d&#039;educaci\\u00f3 secund\\u00e0ria de Barcelona.&quot;},{&quot;src&quot;:&quot;https:\\\/\\\/www.garciafaura.com\\\/wp-content\\\/uploads\\\/2019\\\/02\\\/277-06.jpg&quot;,&quot;title&quot;:&quot;Tancaments per al nou centre d&#039;educaci\\u00f3 secund\\u00e0ria de Barcelona.&quot;,&quot;caption&quot;:&quot;Tancaments per al nou centre d&#039;educaci\\u00f3 secund\\u00e0ria de Barcelona.&quot;},{&quot;src&quot;:&quot;https:\\\/\\\/www.garciafaura.com\\\/wp-content\\\/uploads\\\/2019\\\/02\\\/277-05.jpg&quot;,&quot;title&quot;:&quot;Tancaments per al nou centre d&#039;educaci\\u00f3 secund\\u00e0ria de Barcelona.&quot;,&quot;caption&quot;:&quot;Tancaments per al nou centre d&#039;educaci\\u00f3 secund\\u00e0ria de Barcelona.&quot;},{&quot;src&quot;:&quot;https:\\\/\\\/www.garciafaura.com\\\/wp-content\\\/uploads\\\/2019\\\/02\\\/277-04.jpg&quot;,&quot;title&quot;:&quot;Tancaments per al nou centre d&#039;educaci\\u00f3 secund\\u00e0ria de Barcelona.&quot;,&quot;caption&quot;:&quot;Tancaments per al nou centre d&#039;educaci\\u00f3 secund\\u00e0ria de Barcelona.&quot;},{&quot;src&quot;:&quot;https:\\\/\\\/www.garciafaura.com\\\/wp-content\\\/uploads\\\/2019\\\/02\\\/277-03.jpg&quot;,&quot;title&quot;:&quot;Tancaments per al nou centre d&#039;educaci\\u00f3 secund\\u00e0ria de Barcelona.&quot;,&quot;caption&quot;:&quot;Tancaments per al nou centre d&#039;educaci\\u00f3 secund\\u00e0ria de Barcelona.&quot;},{&quot;src&quot;:&quot;https:\\\/\\\/www.garciafaura.com\\\/wp-content\\\/uploads\\\/2019\\\/02\\\/277-02.jpg&quot;,&quot;title&quot;:&quot;Tancaments per al nou centre d&#039;educaci\\u00f3 secund\\u00e0ria de Barcelona.&quot;,&quot;caption&quot;:&quot;Tancaments per al nou centre d&#039;educaci\\u00f3 secund\\u00e0ria de Barcelona.&quot;}]\"><img loading=\"lazy\" decoding=\"async\" data-no-lazy=\"1\" class=\"portfolio-entry-img skip-lazy\" src=\"https:\/\/www.garciafaura.com\/wp-content\/uploads\/2019\/02\/277-01-600x314.jpg\" alt=\"Fermetures Pour Le Nouvel \u00e9tablissement D'enseignement Secondaire De Barcelone.\" data-no-retina width=\"600\" height=\"314\" \/><\/a><\/div><div class=\"portfolio-entry-details entry-details wpex-clr\"><h2 class=\"portfolio-entry-title entry-title\"><a href=\"https:\/\/www.garciafaura.com\/fr\/portfolio-item\/lycee-viladomat\/\" title=\"Lyc\u00e9e Viladomat\">Lyc\u00e9e Viladomat<\/a><\/h2><div class=\"portfolio-entry-categories entry-categories wpex-clr\"><a href=\"https:\/\/www.garciafaura.com\/fr\/portfolio-category\/batiments-de-services\/\" class=\"term-75\">B\u00e2timents de Services<\/a><\/div><\/div><\/div><\/div><\/div><\/div>[\/vc_column][\/vc_row]\n<\/div>","protected":false},"excerpt":{"rendered":"<p>[vc_row full_width=\u00a0\u00bbstretch_row\u00a0\u00bb wpex_bg_overlay=\u00a0\u00bbcolor\u00a0\u00bb wpex_bg_overlay_color=\u00a0\u00bb#d9d9d9&Prime; wpex_bg_overlay_opacity=\u00a0\u00bb0.85&Prime;][vc_column][vc_column_text]Ouvrage public et b\u00e2timents destin\u00e9s \u00e0 l&rsquo;usage des citoyens. Qu&rsquo;il s&rsquo;agisse de centres m\u00e9dicaux, de b\u00e2timents sportifs ou \u00e9ducatifs ou de centres culturels, GARCIA FAURA met tout son savoir-faire et sa capacit\u00e9 technique au service de&hellip;<\/p>\n","protected":false},"author":3,"featured_media":0,"parent":0,"menu_order":0,"comment_status":"closed","ping_status":"closed","template":"","meta":{"footnotes":""},"class_list":["post-20042","page","type-page","status-publish","hentry","entry","no-media"],"yoast_head":"<!-- This site is optimized with the Yoast SEO plugin v26.7 - https:\/\/yoast.com\/wordpress\/plugins\/seo\/ -->\n<title>B\u00e2timents de Services ex\u00e9cut\u00e9s par GARCIA FAURA - GARCIA FAURA<\/title>\n<meta name=\"description\" content=\"Arquitectura en Alumini, Inox, Ferro i Vidre\" \/>\n<meta name=\"robots\" content=\"index, follow, max-snippet:-1, max-image-preview:large, max-video-preview:-1\" \/>\n<link rel=\"canonical\" href=\"https:\/\/www.garciafaura.com\/fr\/batiments-de-services-executes-par-garcia-faura\/\" \/>\n<meta property=\"og:locale\" content=\"fr_FR\" \/>\n<meta property=\"og:type\" content=\"article\" \/>\n<meta property=\"og:title\" content=\"B\u00e2timents de Services ex\u00e9cut\u00e9s par GARCIA FAURA - GARCIA FAURA\" \/>\n<meta property=\"og:description\" content=\"Arquitectura en Alumini, Inox, Ferro i Vidre\" \/>\n<meta property=\"og:url\" content=\"https:\/\/www.garciafaura.com\/fr\/batiments-de-services-executes-par-garcia-faura\/\" \/>\n<meta property=\"og:site_name\" content=\"GARCIA FAURA\" \/>\n<meta property=\"article:modified_time\" content=\"2021-08-02T10:24:46+00:00\" \/>\n<meta name=\"twitter:card\" content=\"summary_large_image\" \/>\n<meta name=\"twitter:label1\" content=\"Dur\u00e9e de lecture estim\u00e9e\" \/>\n\t<meta name=\"twitter:data1\" content=\"1 minute\" \/>\n<script type=\"application\/ld+json\" class=\"yoast-schema-graph\">{\"@context\":\"https:\/\/schema.org\",\"@graph\":[{\"@type\":\"WebPage\",\"@id\":\"https:\/\/www.garciafaura.com\/fr\/batiments-de-services-executes-par-garcia-faura\/\",\"url\":\"https:\/\/www.garciafaura.com\/fr\/batiments-de-services-executes-par-garcia-faura\/\",\"name\":\"B\u00e2timents de Services ex\u00e9cut\u00e9s par GARCIA FAURA - GARCIA FAURA\",\"isPartOf\":{\"@id\":\"https:\/\/www.garciafaura.com\/fr\/#website\"},\"datePublished\":\"2019-05-24T11:09:21+00:00\",\"dateModified\":\"2021-08-02T10:24:46+00:00\",\"description\":\"Arquitectura en Alumini, Inox, Ferro i Vidre\",\"breadcrumb\":{\"@id\":\"https:\/\/www.garciafaura.com\/fr\/batiments-de-services-executes-par-garcia-faura\/#breadcrumb\"},\"inLanguage\":\"fr-FR\",\"potentialAction\":[{\"@type\":\"ReadAction\",\"target\":[\"https:\/\/www.garciafaura.com\/fr\/batiments-de-services-executes-par-garcia-faura\/\"]}]},{\"@type\":\"BreadcrumbList\",\"@id\":\"https:\/\/www.garciafaura.com\/fr\/batiments-de-services-executes-par-garcia-faura\/#breadcrumb\",\"itemListElement\":[{\"@type\":\"ListItem\",\"position\":1,\"name\":\"Inici\",\"item\":\"https:\/\/www.garciafaura.com\/fr\/\"},{\"@type\":\"ListItem\",\"position\":2,\"name\":\"B\u00e2timents de Services ex\u00e9cut\u00e9s par GARCIA FAURA\"}]},{\"@type\":\"WebSite\",\"@id\":\"https:\/\/www.garciafaura.com\/fr\/#website\",\"url\":\"https:\/\/www.garciafaura.com\/fr\/\",\"name\":\"GARCIA FAURA\",\"description\":\"Arquitectura en Alumini, Inox, Ferro i Vidre\",\"publisher\":{\"@id\":\"https:\/\/www.garciafaura.com\/fr\/#organization\"},\"potentialAction\":[{\"@type\":\"SearchAction\",\"target\":{\"@type\":\"EntryPoint\",\"urlTemplate\":\"https:\/\/www.garciafaura.com\/fr\/?s={search_term_string}\"},\"query-input\":{\"@type\":\"PropertyValueSpecification\",\"valueRequired\":true,\"valueName\":\"search_term_string\"}}],\"inLanguage\":\"fr-FR\"},{\"@type\":\"Organization\",\"@id\":\"https:\/\/www.garciafaura.com\/fr\/#organization\",\"name\":\"GARCIA FAURA\",\"url\":\"https:\/\/www.garciafaura.com\/fr\/\",\"logo\":{\"@type\":\"ImageObject\",\"inLanguage\":\"fr-FR\",\"@id\":\"https:\/\/www.garciafaura.com\/fr\/#\/schema\/logo\/image\/\",\"url\":\"https:\/\/www.garciafaura.com\/wp-content\/uploads\/2018\/09\/Garcia-Faura.png\",\"contentUrl\":\"https:\/\/www.garciafaura.com\/wp-content\/uploads\/2018\/09\/Garcia-Faura.png\",\"width\":512,\"height\":512,\"caption\":\"GARCIA FAURA\"},\"image\":{\"@id\":\"https:\/\/www.garciafaura.com\/fr\/#\/schema\/logo\/image\/\"},\"sameAs\":[\"https:\/\/www.youtube.com\/user\/GARCIAFAURA\"]}]}<\/script>\n<!-- \/ Yoast SEO plugin. -->","yoast_head_json":{"title":"B\u00e2timents de Services ex\u00e9cut\u00e9s par GARCIA FAURA - GARCIA FAURA","description":"Arquitectura en Alumini, Inox, Ferro i Vidre","robots":{"index":"index","follow":"follow","max-snippet":"max-snippet:-1","max-image-preview":"max-image-preview:large","max-video-preview":"max-video-preview:-1"},"canonical":"https:\/\/www.garciafaura.com\/fr\/batiments-de-services-executes-par-garcia-faura\/","og_locale":"fr_FR","og_type":"article","og_title":"B\u00e2timents de Services ex\u00e9cut\u00e9s par GARCIA FAURA - GARCIA FAURA","og_description":"Arquitectura en Alumini, Inox, Ferro i Vidre","og_url":"https:\/\/www.garciafaura.com\/fr\/batiments-de-services-executes-par-garcia-faura\/","og_site_name":"GARCIA FAURA","article_modified_time":"2021-08-02T10:24:46+00:00","twitter_card":"summary_large_image","twitter_misc":{"Dur\u00e9e de lecture estim\u00e9e":"1 minute"},"schema":{"@context":"https:\/\/schema.org","@graph":[{"@type":"WebPage","@id":"https:\/\/www.garciafaura.com\/fr\/batiments-de-services-executes-par-garcia-faura\/","url":"https:\/\/www.garciafaura.com\/fr\/batiments-de-services-executes-par-garcia-faura\/","name":"B\u00e2timents de Services ex\u00e9cut\u00e9s par GARCIA FAURA - GARCIA FAURA","isPartOf":{"@id":"https:\/\/www.garciafaura.com\/fr\/#website"},"datePublished":"2019-05-24T11:09:21+00:00","dateModified":"2021-08-02T10:24:46+00:00","description":"Arquitectura en Alumini, Inox, Ferro i Vidre","breadcrumb":{"@id":"https:\/\/www.garciafaura.com\/fr\/batiments-de-services-executes-par-garcia-faura\/#breadcrumb"},"inLanguage":"fr-FR","potentialAction":[{"@type":"ReadAction","target":["https:\/\/www.garciafaura.com\/fr\/batiments-de-services-executes-par-garcia-faura\/"]}]},{"@type":"BreadcrumbList","@id":"https:\/\/www.garciafaura.com\/fr\/batiments-de-services-executes-par-garcia-faura\/#breadcrumb","itemListElement":[{"@type":"ListItem","position":1,"name":"Inici","item":"https:\/\/www.garciafaura.com\/fr\/"},{"@type":"ListItem","position":2,"name":"B\u00e2timents de Services ex\u00e9cut\u00e9s par GARCIA FAURA"}]},{"@type":"WebSite","@id":"https:\/\/www.garciafaura.com\/fr\/#website","url":"https:\/\/www.garciafaura.com\/fr\/","name":"GARCIA FAURA","description":"Arquitectura en Alumini, Inox, Ferro i Vidre","publisher":{"@id":"https:\/\/www.garciafaura.com\/fr\/#organization"},"potentialAction":[{"@type":"SearchAction","target":{"@type":"EntryPoint","urlTemplate":"https:\/\/www.garciafaura.com\/fr\/?s={search_term_string}"},"query-input":{"@type":"PropertyValueSpecification","valueRequired":true,"valueName":"search_term_string"}}],"inLanguage":"fr-FR"},{"@type":"Organization","@id":"https:\/\/www.garciafaura.com\/fr\/#organization","name":"GARCIA FAURA","url":"https:\/\/www.garciafaura.com\/fr\/","logo":{"@type":"ImageObject","inLanguage":"fr-FR","@id":"https:\/\/www.garciafaura.com\/fr\/#\/schema\/logo\/image\/","url":"https:\/\/www.garciafaura.com\/wp-content\/uploads\/2018\/09\/Garcia-Faura.png","contentUrl":"https:\/\/www.garciafaura.com\/wp-content\/uploads\/2018\/09\/Garcia-Faura.png","width":512,"height":512,"caption":"GARCIA FAURA"},"image":{"@id":"https:\/\/www.garciafaura.com\/fr\/#\/schema\/logo\/image\/"},"sameAs":["https:\/\/www.youtube.com\/user\/GARCIAFAURA"]}]}},"_links":{"self":[{"href":"https:\/\/www.garciafaura.com\/fr\/wp-json\/wp\/v2\/pages\/20042","targetHints":{"allow":["GET"]}}],"collection":[{"href":"https:\/\/www.garciafaura.com\/fr\/wp-json\/wp\/v2\/pages"}],"about":[{"href":"https:\/\/www.garciafaura.com\/fr\/wp-json\/wp\/v2\/types\/page"}],"author":[{"embeddable":true,"href":"https:\/\/www.garciafaura.com\/fr\/wp-json\/wp\/v2\/users\/3"}],"replies":[{"embeddable":true,"href":"https:\/\/www.garciafaura.com\/fr\/wp-json\/wp\/v2\/comments?post=20042"}],"version-history":[{"count":6,"href":"https:\/\/www.garciafaura.com\/fr\/wp-json\/wp\/v2\/pages\/20042\/revisions"}],"predecessor-version":[{"id":27883,"href":"https:\/\/www.garciafaura.com\/fr\/wp-json\/wp\/v2\/pages\/20042\/revisions\/27883"}],"wp:attachment":[{"href":"https:\/\/www.garciafaura.com\/fr\/wp-json\/wp\/v2\/media?parent=20042"}],"curies":[{"name":"wp","href":"https:\/\/api.w.org\/{rel}","templated":true}]}}