{"id":20040,"date":"2019-05-24T11:09:11","date_gmt":"2019-05-24T11:09:11","guid":{"rendered":"https:\/\/www.garciafaura.com\/facades-realisees-par-garcia-faura\/"},"modified":"2021-08-02T12:25:56","modified_gmt":"2021-08-02T10:25:56","slug":"facades-realisees-par-garcia-faura","status":"publish","type":"page","link":"https:\/\/www.garciafaura.com\/fr\/facades-realisees-par-garcia-faura\/","title":{"rendered":"Fa\u00e7ades r\u00e9alis\u00e9es par GARCIA FAURA"},"content":{"rendered":"<div class=\"wpb-content-wrapper\">[vc_row full_width=\u00a0\u00bbstretch_row\u00a0\u00bb wpex_bg_overlay=\u00a0\u00bbcolor\u00a0\u00bb wpex_bg_overlay_color=\u00a0\u00bb#d9d9d9&Prime; wpex_bg_overlay_opacity=\u00a0\u00bb0.85&Prime;][vc_column]<div class=\"vcex-spacing\" style=\"height:30px\"><\/div>[vc_column_text]\n<div class=\"\">\n<div class=\"\"><span style=\"font-family: 'Open Sans'; font-size: 18px;\"><strong>GARCIA FAURA<\/strong> est l&rsquo;entreprise de r\u00e9f\u00e9rence dans le d\u00e9veloppement de fa\u00e7ades. Syst\u00e8mes modulaires, murs-rideaux et rev\u00eatements m\u00e9talliques au service de l&rsquo;esth\u00e9tique ext\u00e9rieure de tout type de construction. Hautes performances techniques, exploitation de la lumi\u00e8re naturelle, isolation thermique et acoustique. Parce que l&rsquo;ext\u00e9rieur doit toujours \u00eatre le reflet fid\u00e8le de l&rsquo;int\u00e9rieur.<\/span><\/div>\n<\/div>\n[\/vc_column_text][\/vc_column][\/vc_row][vc_row][vc_column width=\u00a0\u00bb1\/2&Prime;][\/vc_column][vc_column width=\u00a0\u00bb1\/2&Prime;]<div class=\"vcex-spacing\" style=\"height:30px\"><\/div><div class=\"vcex-module vcex-searchbar clr\"><form method=\"get\" class=\"vcex-searchbar-form\" action=\"https:\/\/www.garciafaura.com\/fr\/\"><input type=\"search\" class=\"vcex-searchbar-input \" name=\"s\" placeholder=\"Recherche\" \/><input type=\"hidden\" name=\"post_type\" value=\"portfolio\"><input type=\"hidden\" name=\"lang\" value=\"fr\"><button class=\"vcex-searchbar-button\" style=\"background:#d7515e;font-weight:200;\">Recherche de projets<\/button><\/form><\/div>[\/vc_column][\/vc_row][vc_row full_width=\u00a0\u00bbstretch_row\u00a0\u00bb][vc_column]<div class=\"vcex-module vcex-portfolio-grid-wrap wpex-clr\"><div class=\"wpex-row vcex-portfolio-grid wpex-clr entries vcex-isotope-grid vcex-no-margin-grid\" data-show_title=\"false\"><div class=\"portfolio-entry vcex-grid-item entry-has-details span_1_of_3 col col-1 vcex-isotope-entry vcex-no-margin-entry post-35245 entry type-portfolio has-media cat-77 cat-91 cat-93 cat-95 translation_priority-5\"><div class=\"portfolio-entry-inner entry-inner wpex-clr\"><div class=\"portfolio-entry-media entry-media wpex-clr\"><a href=\"https:\/\/www.garciafaura.com\/wp-content\/uploads\/2024\/02\/Torre-Antares-01.jpg\" title=\"Tour Antares\" class=\"portfolio-entry-media-link wpex-lightbox-gallery\" data-gallery=\"[{&quot;src&quot;:&quot;https:\\\/\\\/www.garciafaura.com\\\/wp-content\\\/uploads\\\/2024\\\/02\\\/Torre-Antares-01.jpg&quot;},{&quot;src&quot;:&quot;https:\\\/\\\/www.garciafaura.com\\\/wp-content\\\/uploads\\\/2024\\\/02\\\/Torre-Antares-55.jpg&quot;},{&quot;src&quot;:&quot;https:\\\/\\\/www.garciafaura.com\\\/wp-content\\\/uploads\\\/2024\\\/02\\\/Torre-Antares-54.jpg&quot;},{&quot;src&quot;:&quot;https:\\\/\\\/www.garciafaura.com\\\/wp-content\\\/uploads\\\/2024\\\/02\\\/Torre-Antares-53.jpg&quot;},{&quot;src&quot;:&quot;https:\\\/\\\/www.garciafaura.com\\\/wp-content\\\/uploads\\\/2024\\\/02\\\/Torre-Antares-52.jpg&quot;},{&quot;src&quot;:&quot;https:\\\/\\\/www.garciafaura.com\\\/wp-content\\\/uploads\\\/2024\\\/02\\\/Torre-Antares-51.jpg&quot;},{&quot;src&quot;:&quot;https:\\\/\\\/www.garciafaura.com\\\/wp-content\\\/uploads\\\/2024\\\/02\\\/Torre-Antares-50.jpg&quot;},{&quot;src&quot;:&quot;https:\\\/\\\/www.garciafaura.com\\\/wp-content\\\/uploads\\\/2024\\\/02\\\/Torre-Antares-49.jpg&quot;},{&quot;src&quot;:&quot;https:\\\/\\\/www.garciafaura.com\\\/wp-content\\\/uploads\\\/2024\\\/02\\\/Torre-Antares-48.jpg&quot;},{&quot;src&quot;:&quot;https:\\\/\\\/www.garciafaura.com\\\/wp-content\\\/uploads\\\/2024\\\/02\\\/Torre-Antares-47.jpg&quot;},{&quot;src&quot;:&quot;https:\\\/\\\/www.garciafaura.com\\\/wp-content\\\/uploads\\\/2024\\\/02\\\/Torre-Antares-46.jpg&quot;},{&quot;src&quot;:&quot;https:\\\/\\\/www.garciafaura.com\\\/wp-content\\\/uploads\\\/2024\\\/02\\\/Torre-Antares-45.jpg&quot;},{&quot;src&quot;:&quot;https:\\\/\\\/www.garciafaura.com\\\/wp-content\\\/uploads\\\/2024\\\/02\\\/Torre-Antares-44.jpg&quot;},{&quot;src&quot;:&quot;https:\\\/\\\/www.garciafaura.com\\\/wp-content\\\/uploads\\\/2024\\\/02\\\/Torre-Antares-43.jpg&quot;},{&quot;src&quot;:&quot;https:\\\/\\\/www.garciafaura.com\\\/wp-content\\\/uploads\\\/2024\\\/02\\\/Torre-Antares-42.jpg&quot;},{&quot;src&quot;:&quot;https:\\\/\\\/www.garciafaura.com\\\/wp-content\\\/uploads\\\/2024\\\/02\\\/Torre-Antares-41.jpg&quot;},{&quot;src&quot;:&quot;https:\\\/\\\/www.garciafaura.com\\\/wp-content\\\/uploads\\\/2024\\\/02\\\/Torre-Antares-40.jpg&quot;},{&quot;src&quot;:&quot;https:\\\/\\\/www.garciafaura.com\\\/wp-content\\\/uploads\\\/2024\\\/02\\\/Torre-Antares-39.jpg&quot;},{&quot;src&quot;:&quot;https:\\\/\\\/www.garciafaura.com\\\/wp-content\\\/uploads\\\/2024\\\/02\\\/Torre-Antares-38.jpg&quot;},{&quot;src&quot;:&quot;https:\\\/\\\/www.garciafaura.com\\\/wp-content\\\/uploads\\\/2024\\\/02\\\/Torre-Antares-37.jpg&quot;},{&quot;src&quot;:&quot;https:\\\/\\\/www.garciafaura.com\\\/wp-content\\\/uploads\\\/2024\\\/02\\\/Torre-Antares-36.jpg&quot;},{&quot;src&quot;:&quot;https:\\\/\\\/www.garciafaura.com\\\/wp-content\\\/uploads\\\/2024\\\/02\\\/Torre-Antares-35.jpg&quot;},{&quot;src&quot;:&quot;https:\\\/\\\/www.garciafaura.com\\\/wp-content\\\/uploads\\\/2024\\\/02\\\/Torre-Antares-34.jpg&quot;},{&quot;src&quot;:&quot;https:\\\/\\\/www.garciafaura.com\\\/wp-content\\\/uploads\\\/2024\\\/02\\\/Torre-Antares-33.jpg&quot;},{&quot;src&quot;:&quot;https:\\\/\\\/www.garciafaura.com\\\/wp-content\\\/uploads\\\/2024\\\/02\\\/Torre-Antares-32.jpg&quot;},{&quot;src&quot;:&quot;https:\\\/\\\/www.garciafaura.com\\\/wp-content\\\/uploads\\\/2024\\\/02\\\/Torre-Antares-31.jpg&quot;},{&quot;src&quot;:&quot;https:\\\/\\\/www.garciafaura.com\\\/wp-content\\\/uploads\\\/2024\\\/02\\\/Torre-Antares-30.jpg&quot;},{&quot;src&quot;:&quot;https:\\\/\\\/www.garciafaura.com\\\/wp-content\\\/uploads\\\/2024\\\/02\\\/Torre-Antares-29.jpg&quot;},{&quot;src&quot;:&quot;https:\\\/\\\/www.garciafaura.com\\\/wp-content\\\/uploads\\\/2024\\\/02\\\/Torre-Antares-28.jpg&quot;},{&quot;src&quot;:&quot;https:\\\/\\\/www.garciafaura.com\\\/wp-content\\\/uploads\\\/2024\\\/02\\\/Torre-Antares-27.jpg&quot;},{&quot;src&quot;:&quot;https:\\\/\\\/www.garciafaura.com\\\/wp-content\\\/uploads\\\/2024\\\/02\\\/Torre-Antares-26.jpg&quot;},{&quot;src&quot;:&quot;https:\\\/\\\/www.garciafaura.com\\\/wp-content\\\/uploads\\\/2024\\\/02\\\/Torre-Antares-25.jpg&quot;},{&quot;src&quot;:&quot;https:\\\/\\\/www.garciafaura.com\\\/wp-content\\\/uploads\\\/2024\\\/02\\\/Torre-Antares-24.jpg&quot;},{&quot;src&quot;:&quot;https:\\\/\\\/www.garciafaura.com\\\/wp-content\\\/uploads\\\/2024\\\/02\\\/Torre-Antares-23.jpg&quot;},{&quot;src&quot;:&quot;https:\\\/\\\/www.garciafaura.com\\\/wp-content\\\/uploads\\\/2024\\\/02\\\/Torre-Antares-22.jpg&quot;},{&quot;src&quot;:&quot;https:\\\/\\\/www.garciafaura.com\\\/wp-content\\\/uploads\\\/2024\\\/02\\\/Torre-Antares-21.jpg&quot;},{&quot;src&quot;:&quot;https:\\\/\\\/www.garciafaura.com\\\/wp-content\\\/uploads\\\/2024\\\/02\\\/Torre-Antares-20.jpg&quot;},{&quot;src&quot;:&quot;https:\\\/\\\/www.garciafaura.com\\\/wp-content\\\/uploads\\\/2024\\\/02\\\/Torre-Antares-19.jpg&quot;},{&quot;src&quot;:&quot;https:\\\/\\\/www.garciafaura.com\\\/wp-content\\\/uploads\\\/2024\\\/02\\\/Torre-Antares-18.jpg&quot;},{&quot;src&quot;:&quot;https:\\\/\\\/www.garciafaura.com\\\/wp-content\\\/uploads\\\/2024\\\/02\\\/Torre-Antares-17.jpg&quot;},{&quot;src&quot;:&quot;https:\\\/\\\/www.garciafaura.com\\\/wp-content\\\/uploads\\\/2024\\\/02\\\/Torre-Antares-16.jpg&quot;},{&quot;src&quot;:&quot;https:\\\/\\\/www.garciafaura.com\\\/wp-content\\\/uploads\\\/2024\\\/02\\\/Torre-Antares-15.jpg&quot;},{&quot;src&quot;:&quot;https:\\\/\\\/www.garciafaura.com\\\/wp-content\\\/uploads\\\/2024\\\/02\\\/Torre-Antares-14.jpg&quot;},{&quot;src&quot;:&quot;https:\\\/\\\/www.garciafaura.com\\\/wp-content\\\/uploads\\\/2024\\\/02\\\/Torre-Antares-13.jpg&quot;},{&quot;src&quot;:&quot;https:\\\/\\\/www.garciafaura.com\\\/wp-content\\\/uploads\\\/2024\\\/02\\\/Torre-Antares-12.jpg&quot;},{&quot;src&quot;:&quot;https:\\\/\\\/www.garciafaura.com\\\/wp-content\\\/uploads\\\/2024\\\/02\\\/Torre-Antares-11.jpg&quot;},{&quot;src&quot;:&quot;https:\\\/\\\/www.garciafaura.com\\\/wp-content\\\/uploads\\\/2024\\\/02\\\/Torre-Antares-10.jpg&quot;},{&quot;src&quot;:&quot;https:\\\/\\\/www.garciafaura.com\\\/wp-content\\\/uploads\\\/2024\\\/02\\\/Torre-Antares-09.jpg&quot;},{&quot;src&quot;:&quot;https:\\\/\\\/www.garciafaura.com\\\/wp-content\\\/uploads\\\/2024\\\/02\\\/Torre-Antares-08.jpg&quot;},{&quot;src&quot;:&quot;https:\\\/\\\/www.garciafaura.com\\\/wp-content\\\/uploads\\\/2024\\\/02\\\/Torre-Antares-07.jpg&quot;},{&quot;src&quot;:&quot;https:\\\/\\\/www.garciafaura.com\\\/wp-content\\\/uploads\\\/2024\\\/02\\\/Torre-Antares-06.jpg&quot;},{&quot;src&quot;:&quot;https:\\\/\\\/www.garciafaura.com\\\/wp-content\\\/uploads\\\/2024\\\/02\\\/Torre-Antares-05.jpg&quot;},{&quot;src&quot;:&quot;https:\\\/\\\/www.garciafaura.com\\\/wp-content\\\/uploads\\\/2024\\\/02\\\/Torre-Antares-04.jpg&quot;},{&quot;src&quot;:&quot;https:\\\/\\\/www.garciafaura.com\\\/wp-content\\\/uploads\\\/2024\\\/02\\\/Torre-Antares-03.jpg&quot;},{&quot;src&quot;:&quot;https:\\\/\\\/www.garciafaura.com\\\/wp-content\\\/uploads\\\/2024\\\/02\\\/Torre-Antares-02.jpg&quot;}]\"><img loading=\"lazy\" decoding=\"async\" data-no-lazy=\"1\" class=\"portfolio-entry-img skip-lazy\" src=\"https:\/\/www.garciafaura.com\/wp-content\/uploads\/2024\/02\/Torre-Antares-01-600x314.jpg\" alt='' data-no-retina width=\"600\" height=\"314\" \/><\/a><\/div><div class=\"portfolio-entry-details entry-details wpex-clr\"><h2 class=\"portfolio-entry-title entry-title\"><a href=\"https:\/\/www.garciafaura.com\/fr\/portfolio-item\/torre-antares\/\" title=\"Tour Antares\">Tour Antares<\/a><\/h2><div class=\"portfolio-entry-categories entry-categories wpex-clr\"><a href=\"https:\/\/www.garciafaura.com\/fr\/portfolio-category\/ensembles-residentiels\/\" class=\"term-77\">Ensembles r\u00e9sidentiels<\/a><\/div><\/div><\/div><\/div><div class=\"portfolio-entry vcex-grid-item entry-has-details span_1_of_3 col col-2 vcex-isotope-entry vcex-no-margin-entry post-34989 entry type-portfolio has-media cat-69 cat-93 cat-95 cat-90 cat-101 translation_priority-5\"><div class=\"portfolio-entry-inner entry-inner wpex-clr\"><div class=\"portfolio-entry-media entry-media wpex-clr\"><a href=\"https:\/\/www.garciafaura.com\/wp-content\/uploads\/2024\/02\/Edifici-A12-Consorci-Zona-Franca-38.jpg\" title=\"R\u00e9novation B\u00e2timent Consortium ZFB\" class=\"portfolio-entry-media-link wpex-lightbox-gallery\" data-gallery=\"[{&quot;src&quot;:&quot;https:\\\/\\\/www.garciafaura.com\\\/wp-content\\\/uploads\\\/2024\\\/02\\\/Edifici-A12-Consorci-Zona-Franca-38.jpg&quot;},{&quot;src&quot;:&quot;https:\\\/\\\/www.garciafaura.com\\\/wp-content\\\/uploads\\\/2024\\\/02\\\/Edifici-A12-Consorci-Zona-Franca-49.jpg&quot;},{&quot;src&quot;:&quot;https:\\\/\\\/www.garciafaura.com\\\/wp-content\\\/uploads\\\/2024\\\/02\\\/Edifici-A12-Consorci-Zona-Franca-48.jpg&quot;},{&quot;src&quot;:&quot;https:\\\/\\\/www.garciafaura.com\\\/wp-content\\\/uploads\\\/2024\\\/02\\\/Edifici-A12-Consorci-Zona-Franca-47.jpg&quot;},{&quot;src&quot;:&quot;https:\\\/\\\/www.garciafaura.com\\\/wp-content\\\/uploads\\\/2024\\\/02\\\/Edifici-A12-Consorci-Zona-Franca-46.jpg&quot;},{&quot;src&quot;:&quot;https:\\\/\\\/www.garciafaura.com\\\/wp-content\\\/uploads\\\/2024\\\/02\\\/Edifici-A12-Consorci-Zona-Franca-45.jpg&quot;},{&quot;src&quot;:&quot;https:\\\/\\\/www.garciafaura.com\\\/wp-content\\\/uploads\\\/2024\\\/02\\\/Edifici-A12-Consorci-Zona-Franca-44.jpg&quot;},{&quot;src&quot;:&quot;https:\\\/\\\/www.garciafaura.com\\\/wp-content\\\/uploads\\\/2024\\\/02\\\/Edifici-A12-Consorci-Zona-Franca-43.jpg&quot;},{&quot;src&quot;:&quot;https:\\\/\\\/www.garciafaura.com\\\/wp-content\\\/uploads\\\/2024\\\/02\\\/Edifici-A12-Consorci-Zona-Franca-42.jpg&quot;},{&quot;src&quot;:&quot;https:\\\/\\\/www.garciafaura.com\\\/wp-content\\\/uploads\\\/2024\\\/02\\\/Edifici-A12-Consorci-Zona-Franca-41.jpg&quot;},{&quot;src&quot;:&quot;https:\\\/\\\/www.garciafaura.com\\\/wp-content\\\/uploads\\\/2024\\\/02\\\/Edifici-A12-Consorci-Zona-Franca-40.jpg&quot;},{&quot;src&quot;:&quot;https:\\\/\\\/www.garciafaura.com\\\/wp-content\\\/uploads\\\/2024\\\/02\\\/Edifici-A12-Consorci-Zona-Franca-39.jpg&quot;},{&quot;src&quot;:&quot;https:\\\/\\\/www.garciafaura.com\\\/wp-content\\\/uploads\\\/2024\\\/02\\\/Edifici-A12-Consorci-Zona-Franca-37.jpg&quot;},{&quot;src&quot;:&quot;https:\\\/\\\/www.garciafaura.com\\\/wp-content\\\/uploads\\\/2024\\\/02\\\/Edifici-A12-Consorci-Zona-Franca-36.jpg&quot;},{&quot;src&quot;:&quot;https:\\\/\\\/www.garciafaura.com\\\/wp-content\\\/uploads\\\/2024\\\/02\\\/Edifici-A12-Consorci-Zona-Franca-35.jpg&quot;},{&quot;src&quot;:&quot;https:\\\/\\\/www.garciafaura.com\\\/wp-content\\\/uploads\\\/2024\\\/02\\\/Edifici-A12-Consorci-Zona-Franca-34.jpg&quot;},{&quot;src&quot;:&quot;https:\\\/\\\/www.garciafaura.com\\\/wp-content\\\/uploads\\\/2024\\\/02\\\/Edifici-A12-Consorci-Zona-Franca-33.jpg&quot;},{&quot;src&quot;:&quot;https:\\\/\\\/www.garciafaura.com\\\/wp-content\\\/uploads\\\/2024\\\/02\\\/Edifici-A12-Consorci-Zona-Franca-32.jpg&quot;},{&quot;src&quot;:&quot;https:\\\/\\\/www.garciafaura.com\\\/wp-content\\\/uploads\\\/2024\\\/02\\\/Edifici-A12-Consorci-Zona-Franca-31.jpg&quot;},{&quot;src&quot;:&quot;https:\\\/\\\/www.garciafaura.com\\\/wp-content\\\/uploads\\\/2024\\\/02\\\/Edifici-A12-Consorci-Zona-Franca-30.jpg&quot;},{&quot;src&quot;:&quot;https:\\\/\\\/www.garciafaura.com\\\/wp-content\\\/uploads\\\/2024\\\/02\\\/Edifici-A12-Consorci-Zona-Franca-29.jpg&quot;},{&quot;src&quot;:&quot;https:\\\/\\\/www.garciafaura.com\\\/wp-content\\\/uploads\\\/2024\\\/02\\\/Edifici-A12-Consorci-Zona-Franca-28.jpg&quot;},{&quot;src&quot;:&quot;https:\\\/\\\/www.garciafaura.com\\\/wp-content\\\/uploads\\\/2024\\\/02\\\/Edifici-A12-Consorci-Zona-Franca-27.jpg&quot;},{&quot;src&quot;:&quot;https:\\\/\\\/www.garciafaura.com\\\/wp-content\\\/uploads\\\/2024\\\/02\\\/Edifici-A12-Consorci-Zona-Franca-26.jpg&quot;},{&quot;src&quot;:&quot;https:\\\/\\\/www.garciafaura.com\\\/wp-content\\\/uploads\\\/2024\\\/02\\\/Edifici-A12-Consorci-Zona-Franca-25.jpg&quot;},{&quot;src&quot;:&quot;https:\\\/\\\/www.garciafaura.com\\\/wp-content\\\/uploads\\\/2024\\\/02\\\/Edifici-A12-Consorci-Zona-Franca-24.jpg&quot;},{&quot;src&quot;:&quot;https:\\\/\\\/www.garciafaura.com\\\/wp-content\\\/uploads\\\/2024\\\/02\\\/Edifici-A12-Consorci-Zona-Franca-23.jpg&quot;},{&quot;src&quot;:&quot;https:\\\/\\\/www.garciafaura.com\\\/wp-content\\\/uploads\\\/2024\\\/02\\\/Edifici-A12-Consorci-Zona-Franca-22.jpg&quot;},{&quot;src&quot;:&quot;https:\\\/\\\/www.garciafaura.com\\\/wp-content\\\/uploads\\\/2024\\\/02\\\/Edifici-A12-Consorci-Zona-Franca-21.jpg&quot;},{&quot;src&quot;:&quot;https:\\\/\\\/www.garciafaura.com\\\/wp-content\\\/uploads\\\/2024\\\/02\\\/Edifici-A12-Consorci-Zona-Franca-20.jpg&quot;},{&quot;src&quot;:&quot;https:\\\/\\\/www.garciafaura.com\\\/wp-content\\\/uploads\\\/2024\\\/02\\\/Edifici-A12-Consorci-Zona-Franca-19.jpg&quot;},{&quot;src&quot;:&quot;https:\\\/\\\/www.garciafaura.com\\\/wp-content\\\/uploads\\\/2024\\\/02\\\/Edifici-A12-Consorci-Zona-Franca-18.jpg&quot;},{&quot;src&quot;:&quot;https:\\\/\\\/www.garciafaura.com\\\/wp-content\\\/uploads\\\/2024\\\/02\\\/Edifici-A12-Consorci-Zona-Franca-17.jpg&quot;},{&quot;src&quot;:&quot;https:\\\/\\\/www.garciafaura.com\\\/wp-content\\\/uploads\\\/2024\\\/02\\\/Edifici-A12-Consorci-Zona-Franca-16.jpg&quot;},{&quot;src&quot;:&quot;https:\\\/\\\/www.garciafaura.com\\\/wp-content\\\/uploads\\\/2024\\\/02\\\/Edifici-A12-Consorci-Zona-Franca-15.jpg&quot;},{&quot;src&quot;:&quot;https:\\\/\\\/www.garciafaura.com\\\/wp-content\\\/uploads\\\/2024\\\/02\\\/Edifici-A12-Consorci-Zona-Franca-14.jpg&quot;},{&quot;src&quot;:&quot;https:\\\/\\\/www.garciafaura.com\\\/wp-content\\\/uploads\\\/2024\\\/02\\\/Edifici-A12-Consorci-Zona-Franca-13.jpg&quot;},{&quot;src&quot;:&quot;https:\\\/\\\/www.garciafaura.com\\\/wp-content\\\/uploads\\\/2024\\\/02\\\/Edifici-A12-Consorci-Zona-Franca-12.jpg&quot;},{&quot;src&quot;:&quot;https:\\\/\\\/www.garciafaura.com\\\/wp-content\\\/uploads\\\/2024\\\/02\\\/Edifici-A12-Consorci-Zona-Franca-11.jpg&quot;},{&quot;src&quot;:&quot;https:\\\/\\\/www.garciafaura.com\\\/wp-content\\\/uploads\\\/2024\\\/02\\\/Edifici-A12-Consorci-Zona-Franca-10.jpg&quot;},{&quot;src&quot;:&quot;https:\\\/\\\/www.garciafaura.com\\\/wp-content\\\/uploads\\\/2024\\\/02\\\/Edifici-A12-Consorci-Zona-Franca-9.jpg&quot;},{&quot;src&quot;:&quot;https:\\\/\\\/www.garciafaura.com\\\/wp-content\\\/uploads\\\/2024\\\/02\\\/Edifici-A12-Consorci-Zona-Franca-8.jpg&quot;},{&quot;src&quot;:&quot;https:\\\/\\\/www.garciafaura.com\\\/wp-content\\\/uploads\\\/2024\\\/02\\\/Edifici-A12-Consorci-Zona-Franca-7.jpg&quot;},{&quot;src&quot;:&quot;https:\\\/\\\/www.garciafaura.com\\\/wp-content\\\/uploads\\\/2024\\\/02\\\/Edifici-A12-Consorci-Zona-Franca-6.jpg&quot;,&quot;title&quot;:&quot;GARCIA FAURA&quot;},{&quot;src&quot;:&quot;https:\\\/\\\/www.garciafaura.com\\\/wp-content\\\/uploads\\\/2024\\\/02\\\/Edifici-A12-Consorci-Zona-Franca-5.jpg&quot;,&quot;title&quot;:&quot;GARCIA FAURA&quot;},{&quot;src&quot;:&quot;https:\\\/\\\/www.garciafaura.com\\\/wp-content\\\/uploads\\\/2024\\\/02\\\/Edifici-A12-Consorci-Zona-Franca-4.jpg&quot;,&quot;title&quot;:&quot;GARCIA FAURA&quot;},{&quot;src&quot;:&quot;https:\\\/\\\/www.garciafaura.com\\\/wp-content\\\/uploads\\\/2024\\\/02\\\/Edifici-A12-Consorci-Zona-Franca-3.jpg&quot;,&quot;title&quot;:&quot;GARCIA FAURA&quot;},{&quot;src&quot;:&quot;https:\\\/\\\/www.garciafaura.com\\\/wp-content\\\/uploads\\\/2024\\\/02\\\/Edifici-A12-Consorci-Zona-Franca-2.jpg&quot;,&quot;title&quot;:&quot;GARCIA FAURA&quot;},{&quot;src&quot;:&quot;https:\\\/\\\/www.garciafaura.com\\\/wp-content\\\/uploads\\\/2024\\\/02\\\/Edifici-A12-Consorci-Zona-Franca-1.jpg&quot;,&quot;title&quot;:&quot;GARCIA FAURA&quot;}]\"><img loading=\"lazy\" decoding=\"async\" data-no-lazy=\"1\" class=\"portfolio-entry-img skip-lazy\" src=\"https:\/\/www.garciafaura.com\/wp-content\/uploads\/2024\/02\/Edifici-A12-Consorci-Zona-Franca-38-600x314.jpg\" alt='' data-no-retina width=\"600\" height=\"314\" \/><\/a><\/div><div class=\"portfolio-entry-details entry-details wpex-clr\"><h2 class=\"portfolio-entry-title entry-title\"><a href=\"https:\/\/www.garciafaura.com\/fr\/portfolio-item\/rehabilitacio-edifici-consorci-zfb\/\" title=\"R\u00e9novation B\u00e2timent Consortium ZFB\">R\u00e9novation B\u00e2timent Consortium ZFB<\/a><\/h2><div class=\"portfolio-entry-categories entry-categories wpex-clr\"><a href=\"https:\/\/www.garciafaura.com\/fr\/portfolio-category\/facades-remarquables\/\" class=\"term-95\">Fa\u00e7ades Remarquables<\/a><\/div><\/div><\/div><\/div><div class=\"portfolio-entry vcex-grid-item entry-has-details span_1_of_3 col col-3 vcex-isotope-entry vcex-no-margin-entry post-34426 entry type-portfolio has-media cat-69 cat-102 cat-93 cat-95 cat-90 cat-101 translation_priority-5\"><div class=\"portfolio-entry-inner entry-inner wpex-clr\"><div class=\"portfolio-entry-media entry-media wpex-clr\"><a href=\"https:\/\/www.garciafaura.com\/wp-content\/uploads\/2024\/01\/Rehab-edifici-Estel-02.jpg\" title=\"R\u00e9novation de l&rsquo;immeuble Estel\" class=\"portfolio-entry-media-link wpex-lightbox-gallery\" data-gallery=\"[{&quot;src&quot;:&quot;https:\\\/\\\/www.garciafaura.com\\\/wp-content\\\/uploads\\\/2024\\\/01\\\/Rehab-edifici-Estel-03.jpg&quot;},{&quot;src&quot;:&quot;https:\\\/\\\/www.garciafaura.com\\\/wp-content\\\/uploads\\\/2024\\\/01\\\/Rehab-edifici-Estel-01.jpg&quot;},{&quot;src&quot;:&quot;https:\\\/\\\/www.garciafaura.com\\\/wp-content\\\/uploads\\\/2024\\\/01\\\/Rehab-edifici-Estel-57.jpg&quot;},{&quot;src&quot;:&quot;https:\\\/\\\/www.garciafaura.com\\\/wp-content\\\/uploads\\\/2024\\\/01\\\/Rehab-edifici-Estel-56.jpg&quot;},{&quot;src&quot;:&quot;https:\\\/\\\/www.garciafaura.com\\\/wp-content\\\/uploads\\\/2024\\\/01\\\/Rehab-edifici-Estel-55.jpg&quot;},{&quot;src&quot;:&quot;https:\\\/\\\/www.garciafaura.com\\\/wp-content\\\/uploads\\\/2024\\\/01\\\/Rehab-edifici-Estel-54.jpg&quot;},{&quot;src&quot;:&quot;https:\\\/\\\/www.garciafaura.com\\\/wp-content\\\/uploads\\\/2024\\\/01\\\/Rehab-edifici-Estel-53.jpg&quot;},{&quot;src&quot;:&quot;https:\\\/\\\/www.garciafaura.com\\\/wp-content\\\/uploads\\\/2024\\\/01\\\/Rehab-edifici-Estel-52.jpg&quot;},{&quot;src&quot;:&quot;https:\\\/\\\/www.garciafaura.com\\\/wp-content\\\/uploads\\\/2024\\\/01\\\/Rehab-edifici-Estel-51.jpg&quot;},{&quot;src&quot;:&quot;https:\\\/\\\/www.garciafaura.com\\\/wp-content\\\/uploads\\\/2024\\\/01\\\/Rehab-edifici-Estel-50.jpg&quot;},{&quot;src&quot;:&quot;https:\\\/\\\/www.garciafaura.com\\\/wp-content\\\/uploads\\\/2024\\\/01\\\/Rehab-edifici-Estel-49.jpg&quot;},{&quot;src&quot;:&quot;https:\\\/\\\/www.garciafaura.com\\\/wp-content\\\/uploads\\\/2024\\\/01\\\/Rehab-edifici-Estel-48.jpg&quot;},{&quot;src&quot;:&quot;https:\\\/\\\/www.garciafaura.com\\\/wp-content\\\/uploads\\\/2024\\\/01\\\/Rehab-edifici-Estel-47.jpg&quot;},{&quot;src&quot;:&quot;https:\\\/\\\/www.garciafaura.com\\\/wp-content\\\/uploads\\\/2024\\\/01\\\/Rehab-edifici-Estel-46.jpg&quot;},{&quot;src&quot;:&quot;https:\\\/\\\/www.garciafaura.com\\\/wp-content\\\/uploads\\\/2024\\\/01\\\/Rehab-edifici-Estel-45.jpg&quot;},{&quot;src&quot;:&quot;https:\\\/\\\/www.garciafaura.com\\\/wp-content\\\/uploads\\\/2024\\\/01\\\/Rehab-edifici-Estel-44.jpg&quot;},{&quot;src&quot;:&quot;https:\\\/\\\/www.garciafaura.com\\\/wp-content\\\/uploads\\\/2024\\\/01\\\/Rehab-edifici-Estel-43.jpg&quot;},{&quot;src&quot;:&quot;https:\\\/\\\/www.garciafaura.com\\\/wp-content\\\/uploads\\\/2024\\\/01\\\/Rehab-edifici-Estel-42.jpg&quot;},{&quot;src&quot;:&quot;https:\\\/\\\/www.garciafaura.com\\\/wp-content\\\/uploads\\\/2024\\\/01\\\/Rehab-edifici-Estel-41.jpg&quot;},{&quot;src&quot;:&quot;https:\\\/\\\/www.garciafaura.com\\\/wp-content\\\/uploads\\\/2024\\\/01\\\/Rehab-edifici-Estel-40.jpg&quot;},{&quot;src&quot;:&quot;https:\\\/\\\/www.garciafaura.com\\\/wp-content\\\/uploads\\\/2024\\\/01\\\/Rehab-edifici-Estel-39.jpg&quot;},{&quot;src&quot;:&quot;https:\\\/\\\/www.garciafaura.com\\\/wp-content\\\/uploads\\\/2024\\\/01\\\/Rehab-edifici-Estel-38.jpg&quot;},{&quot;src&quot;:&quot;https:\\\/\\\/www.garciafaura.com\\\/wp-content\\\/uploads\\\/2024\\\/01\\\/Rehab-edifici-Estel-37.jpg&quot;},{&quot;src&quot;:&quot;https:\\\/\\\/www.garciafaura.com\\\/wp-content\\\/uploads\\\/2024\\\/01\\\/Rehab-edifici-Estel-36.jpg&quot;},{&quot;src&quot;:&quot;https:\\\/\\\/www.garciafaura.com\\\/wp-content\\\/uploads\\\/2024\\\/01\\\/Rehab-edifici-Estel-35.jpg&quot;},{&quot;src&quot;:&quot;https:\\\/\\\/www.garciafaura.com\\\/wp-content\\\/uploads\\\/2024\\\/01\\\/Rehab-edifici-Estel-34.jpg&quot;},{&quot;src&quot;:&quot;https:\\\/\\\/www.garciafaura.com\\\/wp-content\\\/uploads\\\/2024\\\/01\\\/Rehab-edifici-Estel-33.jpg&quot;},{&quot;src&quot;:&quot;https:\\\/\\\/www.garciafaura.com\\\/wp-content\\\/uploads\\\/2024\\\/01\\\/Rehab-edifici-Estel-32.jpg&quot;},{&quot;src&quot;:&quot;https:\\\/\\\/www.garciafaura.com\\\/wp-content\\\/uploads\\\/2024\\\/01\\\/Rehab-edifici-Estel-31.jpg&quot;},{&quot;src&quot;:&quot;https:\\\/\\\/www.garciafaura.com\\\/wp-content\\\/uploads\\\/2024\\\/01\\\/Rehab-edifici-Estel-30.jpg&quot;},{&quot;src&quot;:&quot;https:\\\/\\\/www.garciafaura.com\\\/wp-content\\\/uploads\\\/2024\\\/01\\\/Rehab-edifici-Estel-29.jpg&quot;},{&quot;src&quot;:&quot;https:\\\/\\\/www.garciafaura.com\\\/wp-content\\\/uploads\\\/2024\\\/01\\\/Rehab-edifici-Estel-28.jpg&quot;},{&quot;src&quot;:&quot;https:\\\/\\\/www.garciafaura.com\\\/wp-content\\\/uploads\\\/2024\\\/01\\\/Rehab-edifici-Estel-27.jpg&quot;},{&quot;src&quot;:&quot;https:\\\/\\\/www.garciafaura.com\\\/wp-content\\\/uploads\\\/2024\\\/01\\\/Rehab-edifici-Estel-26.jpg&quot;},{&quot;src&quot;:&quot;https:\\\/\\\/www.garciafaura.com\\\/wp-content\\\/uploads\\\/2024\\\/01\\\/Rehab-edifici-Estel-25.jpg&quot;},{&quot;src&quot;:&quot;https:\\\/\\\/www.garciafaura.com\\\/wp-content\\\/uploads\\\/2024\\\/01\\\/Rehab-edifici-Estel-24.jpg&quot;},{&quot;src&quot;:&quot;https:\\\/\\\/www.garciafaura.com\\\/wp-content\\\/uploads\\\/2024\\\/01\\\/Rehab-edifici-Estel-23.jpg&quot;},{&quot;src&quot;:&quot;https:\\\/\\\/www.garciafaura.com\\\/wp-content\\\/uploads\\\/2024\\\/01\\\/Rehab-edifici-Estel-22.jpg&quot;},{&quot;src&quot;:&quot;https:\\\/\\\/www.garciafaura.com\\\/wp-content\\\/uploads\\\/2024\\\/01\\\/Rehab-edifici-Estel-21.jpg&quot;},{&quot;src&quot;:&quot;https:\\\/\\\/www.garciafaura.com\\\/wp-content\\\/uploads\\\/2024\\\/01\\\/Rehab-edifici-Estel-20.jpg&quot;},{&quot;src&quot;:&quot;https:\\\/\\\/www.garciafaura.com\\\/wp-content\\\/uploads\\\/2024\\\/01\\\/Rehab-edifici-Estel-19.jpg&quot;},{&quot;src&quot;:&quot;https:\\\/\\\/www.garciafaura.com\\\/wp-content\\\/uploads\\\/2024\\\/01\\\/Rehab-edifici-Estel-18.jpg&quot;},{&quot;src&quot;:&quot;https:\\\/\\\/www.garciafaura.com\\\/wp-content\\\/uploads\\\/2024\\\/01\\\/Rehab-edifici-Estel-17.jpg&quot;},{&quot;src&quot;:&quot;https:\\\/\\\/www.garciafaura.com\\\/wp-content\\\/uploads\\\/2024\\\/01\\\/Rehab-edifici-Estel-16.jpg&quot;},{&quot;src&quot;:&quot;https:\\\/\\\/www.garciafaura.com\\\/wp-content\\\/uploads\\\/2024\\\/01\\\/Rehab-edifici-Estel-15.jpg&quot;},{&quot;src&quot;:&quot;https:\\\/\\\/www.garciafaura.com\\\/wp-content\\\/uploads\\\/2024\\\/01\\\/Rehab-edifici-Estel-14.jpg&quot;},{&quot;src&quot;:&quot;https:\\\/\\\/www.garciafaura.com\\\/wp-content\\\/uploads\\\/2024\\\/01\\\/Rehab-edifici-Estel-13.jpg&quot;},{&quot;src&quot;:&quot;https:\\\/\\\/www.garciafaura.com\\\/wp-content\\\/uploads\\\/2024\\\/01\\\/Rehab-edifici-Estel-12.jpg&quot;},{&quot;src&quot;:&quot;https:\\\/\\\/www.garciafaura.com\\\/wp-content\\\/uploads\\\/2024\\\/01\\\/Rehab-edifici-Estel-11.jpg&quot;},{&quot;src&quot;:&quot;https:\\\/\\\/www.garciafaura.com\\\/wp-content\\\/uploads\\\/2024\\\/01\\\/Rehab-edifici-Estel-10.jpg&quot;},{&quot;src&quot;:&quot;https:\\\/\\\/www.garciafaura.com\\\/wp-content\\\/uploads\\\/2024\\\/01\\\/Rehab-edifici-Estel-09.jpg&quot;},{&quot;src&quot;:&quot;https:\\\/\\\/www.garciafaura.com\\\/wp-content\\\/uploads\\\/2024\\\/01\\\/Rehab-edifici-Estel-08.jpg&quot;},{&quot;src&quot;:&quot;https:\\\/\\\/www.garciafaura.com\\\/wp-content\\\/uploads\\\/2024\\\/01\\\/Rehab-edifici-Estel-07.jpg&quot;},{&quot;src&quot;:&quot;https:\\\/\\\/www.garciafaura.com\\\/wp-content\\\/uploads\\\/2024\\\/01\\\/Rehab-edifici-Estel-06.jpg&quot;},{&quot;src&quot;:&quot;https:\\\/\\\/www.garciafaura.com\\\/wp-content\\\/uploads\\\/2024\\\/01\\\/Rehab-edifici-Estel-05.jpg&quot;},{&quot;src&quot;:&quot;https:\\\/\\\/www.garciafaura.com\\\/wp-content\\\/uploads\\\/2024\\\/01\\\/Rehab-edifici-Estel-04.jpg&quot;},{&quot;src&quot;:&quot;https:\\\/\\\/www.garciafaura.com\\\/wp-content\\\/uploads\\\/2024\\\/01\\\/Rehab-edifici-Estel-02.jpg&quot;}]\"><img loading=\"lazy\" decoding=\"async\" data-no-lazy=\"1\" class=\"portfolio-entry-img skip-lazy\" src=\"https:\/\/www.garciafaura.com\/wp-content\/uploads\/2024\/01\/Rehab-edifici-Estel-02-600x314.jpg\" alt='' data-no-retina width=\"600\" height=\"314\" \/><\/a><\/div><div class=\"portfolio-entry-details entry-details wpex-clr\"><h2 class=\"portfolio-entry-title entry-title\"><a href=\"https:\/\/www.garciafaura.com\/fr\/portfolio-item\/transformacio-edifici-estel\/\" title=\"R\u00e9novation de l&rsquo;immeuble Estel\">R\u00e9novation de l&rsquo;immeuble Estel<\/a><\/h2><div class=\"portfolio-entry-categories entry-categories wpex-clr\"><a href=\"https:\/\/www.garciafaura.com\/fr\/portfolio-category\/reamenagement\/\" class=\"term-90\">R\u00e9am\u00e9nagement<\/a><\/div><\/div><\/div><\/div><div class=\"portfolio-entry vcex-grid-item entry-has-details span_1_of_3 col col-1 vcex-isotope-entry vcex-no-margin-entry post-33726 entry type-portfolio has-media cat-93 cat-95 cat-90 cat-101 translation_priority-5\"><div class=\"portfolio-entry-inner entry-inner wpex-clr\"><div class=\"portfolio-entry-media entry-media wpex-clr\"><a href=\"https:\/\/www.garciafaura.com\/wp-content\/uploads\/2023\/11\/Plug-Harvest-Parets-01.jpg\" title=\"R\u00e9habilitation Plug-n-Harvest Sant Quirze\" class=\"portfolio-entry-media-link wpex-lightbox-gallery\" data-gallery=\"[{&quot;src&quot;:&quot;https:\\\/\\\/www.garciafaura.com\\\/wp-content\\\/uploads\\\/2023\\\/11\\\/Plug-Harvest-Parets-01.jpg&quot;},{&quot;src&quot;:&quot;https:\\\/\\\/www.garciafaura.com\\\/wp-content\\\/uploads\\\/2023\\\/11\\\/Plug-Harvest-Parets-11.jpg&quot;},{&quot;src&quot;:&quot;https:\\\/\\\/www.garciafaura.com\\\/wp-content\\\/uploads\\\/2023\\\/11\\\/Plug-Harvest-Parets-10.jpg&quot;},{&quot;src&quot;:&quot;https:\\\/\\\/www.garciafaura.com\\\/wp-content\\\/uploads\\\/2023\\\/11\\\/Plug-Harvest-Parets-09.jpg&quot;},{&quot;src&quot;:&quot;https:\\\/\\\/www.garciafaura.com\\\/wp-content\\\/uploads\\\/2023\\\/11\\\/Plug-Harvest-Parets-08.jpg&quot;},{&quot;src&quot;:&quot;https:\\\/\\\/www.garciafaura.com\\\/wp-content\\\/uploads\\\/2023\\\/11\\\/Plug-Harvest-Parets-07.jpg&quot;},{&quot;src&quot;:&quot;https:\\\/\\\/www.garciafaura.com\\\/wp-content\\\/uploads\\\/2023\\\/11\\\/Plug-Harvest-Parets-06.jpg&quot;},{&quot;src&quot;:&quot;https:\\\/\\\/www.garciafaura.com\\\/wp-content\\\/uploads\\\/2023\\\/11\\\/Plug-Harvest-Parets-05.jpg&quot;},{&quot;src&quot;:&quot;https:\\\/\\\/www.garciafaura.com\\\/wp-content\\\/uploads\\\/2023\\\/11\\\/Plug-Harvest-Parets-04.jpg&quot;},{&quot;src&quot;:&quot;https:\\\/\\\/www.garciafaura.com\\\/wp-content\\\/uploads\\\/2023\\\/11\\\/Plug-Harvest-Parets-03.jpg&quot;},{&quot;src&quot;:&quot;https:\\\/\\\/www.garciafaura.com\\\/wp-content\\\/uploads\\\/2023\\\/11\\\/Plug-Harvest-Parets-02.jpg&quot;}]\"><img loading=\"lazy\" decoding=\"async\" data-no-lazy=\"1\" class=\"portfolio-entry-img skip-lazy\" src=\"https:\/\/www.garciafaura.com\/wp-content\/uploads\/2023\/11\/Plug-Harvest-Parets-01-600x314.jpg\" alt='' data-no-retina width=\"600\" height=\"314\" \/><\/a><\/div><div class=\"portfolio-entry-details entry-details wpex-clr\"><h2 class=\"portfolio-entry-title entry-title\"><a href=\"https:\/\/www.garciafaura.com\/fr\/portfolio-item\/rehabilitacio-plug-n-harvest-sant-quirze\/\" title=\"R\u00e9habilitation Plug-n-Harvest Sant Quirze\">R\u00e9habilitation Plug-n-Harvest Sant Quirze<\/a><\/h2><div class=\"portfolio-entry-categories entry-categories wpex-clr\"><a href=\"https:\/\/www.garciafaura.com\/fr\/portfolio-category\/facades-fr\/\" class=\"term-93\">Fa\u00e7ades<\/a><\/div><\/div><\/div><\/div><div class=\"portfolio-entry vcex-grid-item entry-has-details span_1_of_3 col col-2 vcex-isotope-entry vcex-no-margin-entry post-33588 entry type-portfolio has-media cat-69 cat-102 cat-93 cat-95 translation_priority-5\"><div class=\"portfolio-entry-inner entry-inner wpex-clr\"><div class=\"portfolio-entry-media entry-media wpex-clr\"><a href=\"https:\/\/www.garciafaura.com\/wp-content\/uploads\/2023\/10\/Complex-oficines-22@-01.jpg\" title=\"Complex bureaux Nubiola 22@\" class=\"portfolio-entry-media-link wpex-lightbox-gallery\" data-gallery=\"[{&quot;src&quot;:&quot;https:\\\/\\\/www.garciafaura.com\\\/wp-content\\\/uploads\\\/2023\\\/10\\\/Complex-oficines-22@-01.jpg&quot;},{&quot;src&quot;:&quot;https:\\\/\\\/www.garciafaura.com\\\/wp-content\\\/uploads\\\/2023\\\/10\\\/Complex-oficines-22@-20.jpg&quot;},{&quot;src&quot;:&quot;https:\\\/\\\/www.garciafaura.com\\\/wp-content\\\/uploads\\\/2023\\\/10\\\/Complex-oficines-22@-19.jpg&quot;},{&quot;src&quot;:&quot;https:\\\/\\\/www.garciafaura.com\\\/wp-content\\\/uploads\\\/2023\\\/10\\\/Complex-oficines-22@-18.jpg&quot;},{&quot;src&quot;:&quot;https:\\\/\\\/www.garciafaura.com\\\/wp-content\\\/uploads\\\/2023\\\/10\\\/Complex-oficines-22@-17.jpg&quot;},{&quot;src&quot;:&quot;https:\\\/\\\/www.garciafaura.com\\\/wp-content\\\/uploads\\\/2023\\\/10\\\/Complex-oficines-22@-16.jpg&quot;},{&quot;src&quot;:&quot;https:\\\/\\\/www.garciafaura.com\\\/wp-content\\\/uploads\\\/2023\\\/10\\\/Complex-oficines-22@-15.jpg&quot;},{&quot;src&quot;:&quot;https:\\\/\\\/www.garciafaura.com\\\/wp-content\\\/uploads\\\/2023\\\/10\\\/Complex-oficines-22@-14.jpg&quot;},{&quot;src&quot;:&quot;https:\\\/\\\/www.garciafaura.com\\\/wp-content\\\/uploads\\\/2023\\\/10\\\/Complex-oficines-22@-13.jpg&quot;},{&quot;src&quot;:&quot;https:\\\/\\\/www.garciafaura.com\\\/wp-content\\\/uploads\\\/2023\\\/10\\\/Complex-oficines-22@-12.jpg&quot;},{&quot;src&quot;:&quot;https:\\\/\\\/www.garciafaura.com\\\/wp-content\\\/uploads\\\/2023\\\/10\\\/Complex-oficines-22@-11.jpg&quot;},{&quot;src&quot;:&quot;https:\\\/\\\/www.garciafaura.com\\\/wp-content\\\/uploads\\\/2023\\\/10\\\/Complex-oficines-22@-10.jpg&quot;},{&quot;src&quot;:&quot;https:\\\/\\\/www.garciafaura.com\\\/wp-content\\\/uploads\\\/2023\\\/10\\\/Complex-oficines-22@-09.jpg&quot;},{&quot;src&quot;:&quot;https:\\\/\\\/www.garciafaura.com\\\/wp-content\\\/uploads\\\/2023\\\/10\\\/Complex-oficines-22@-08.jpg&quot;},{&quot;src&quot;:&quot;https:\\\/\\\/www.garciafaura.com\\\/wp-content\\\/uploads\\\/2023\\\/10\\\/Complex-oficines-22@-07.jpg&quot;},{&quot;src&quot;:&quot;https:\\\/\\\/www.garciafaura.com\\\/wp-content\\\/uploads\\\/2023\\\/10\\\/Complex-oficines-22@-06.jpg&quot;},{&quot;src&quot;:&quot;https:\\\/\\\/www.garciafaura.com\\\/wp-content\\\/uploads\\\/2023\\\/10\\\/Complex-oficines-22@-05.jpg&quot;},{&quot;src&quot;:&quot;https:\\\/\\\/www.garciafaura.com\\\/wp-content\\\/uploads\\\/2023\\\/10\\\/Complex-oficines-22@-04.jpg&quot;},{&quot;src&quot;:&quot;https:\\\/\\\/www.garciafaura.com\\\/wp-content\\\/uploads\\\/2023\\\/10\\\/Complex-oficines-22@-03.jpg&quot;},{&quot;src&quot;:&quot;https:\\\/\\\/www.garciafaura.com\\\/wp-content\\\/uploads\\\/2023\\\/10\\\/Complex-oficines-22@-02.jpg&quot;}]\"><img loading=\"lazy\" decoding=\"async\" data-no-lazy=\"1\" class=\"portfolio-entry-img skip-lazy\" src=\"https:\/\/www.garciafaura.com\/wp-content\/uploads\/2023\/10\/Complex-oficines-22@-01-600x314.jpg\" alt='' data-no-retina width=\"600\" height=\"314\" \/><\/a><\/div><div class=\"portfolio-entry-details entry-details wpex-clr\"><h2 class=\"portfolio-entry-title entry-title\"><a href=\"https:\/\/www.garciafaura.com\/fr\/portfolio-item\/complex-doficines-nubiola-22\/\" title=\"Complex bureaux Nubiola 22@\">Complex bureaux Nubiola 22@<\/a><\/h2><div class=\"portfolio-entry-categories entry-categories wpex-clr\"><a href=\"https:\/\/www.garciafaura.com\/fr\/portfolio-category\/batiments-corporatifs\/\" class=\"term-69\">B\u00e2timents Corporatifs<\/a><\/div><\/div><\/div><\/div><div class=\"portfolio-entry vcex-grid-item entry-has-details span_1_of_3 col col-3 vcex-isotope-entry vcex-no-margin-entry post-32291 entry type-portfolio has-media cat-77 cat-93 translation_priority-5\"><div class=\"portfolio-entry-inner entry-inner wpex-clr\"><div class=\"portfolio-entry-media entry-media wpex-clr\"><a href=\"https:\/\/www.garciafaura.com\/wp-content\/uploads\/2023\/07\/Meritxell-Andorra-01-1.jpg\" title=\"Promotion Meritxell Andorra\" class=\"portfolio-entry-media-link wpex-lightbox-gallery\" data-gallery=\"[{&quot;src&quot;:&quot;https:\\\/\\\/www.garciafaura.com\\\/wp-content\\\/uploads\\\/2023\\\/07\\\/Meritxell-Andorra-01-1.jpg&quot;},{&quot;src&quot;:&quot;https:\\\/\\\/www.garciafaura.com\\\/wp-content\\\/uploads\\\/2023\\\/07\\\/Meritxell-Andorra-05.jpg&quot;},{&quot;src&quot;:&quot;https:\\\/\\\/www.garciafaura.com\\\/wp-content\\\/uploads\\\/2023\\\/07\\\/Meritxell-Andorra-03-1.jpg&quot;},{&quot;src&quot;:&quot;https:\\\/\\\/www.garciafaura.com\\\/wp-content\\\/uploads\\\/2023\\\/07\\\/Meritxell-Andorra-04.jpg&quot;},{&quot;src&quot;:&quot;https:\\\/\\\/www.garciafaura.com\\\/wp-content\\\/uploads\\\/2023\\\/07\\\/Meritxell-Andorra-02-1.jpg&quot;}]\"><img loading=\"lazy\" decoding=\"async\" data-no-lazy=\"1\" class=\"portfolio-entry-img skip-lazy\" src=\"https:\/\/www.garciafaura.com\/wp-content\/uploads\/2023\/07\/Meritxell-Andorra-01-1-600x314.jpg\" alt='' data-no-retina width=\"600\" height=\"314\" \/><\/a><\/div><div class=\"portfolio-entry-details entry-details wpex-clr\"><h2 class=\"portfolio-entry-title entry-title\"><a href=\"https:\/\/www.garciafaura.com\/fr\/portfolio-item\/promocio-meritxell-andorra\/\" title=\"Promotion Meritxell Andorra\">Promotion Meritxell Andorra<\/a><\/h2><div class=\"portfolio-entry-categories entry-categories wpex-clr\"><a href=\"https:\/\/www.garciafaura.com\/fr\/portfolio-category\/ensembles-residentiels\/\" class=\"term-77\">Ensembles r\u00e9sidentiels<\/a><\/div><\/div><\/div><\/div><div class=\"portfolio-entry vcex-grid-item entry-has-details span_1_of_3 col col-1 vcex-isotope-entry vcex-no-margin-entry post-32267 entry type-portfolio has-media cat-75 cat-92 cat-93 cat-95 translation_priority-5\"><div class=\"portfolio-entry-inner entry-inner wpex-clr\"><div class=\"portfolio-entry-media entry-media wpex-clr\"><a href=\"https:\/\/www.garciafaura.com\/wp-content\/uploads\/2023\/07\/Seu-SEM-Garcia-Faura-23.jpg\" title=\"Nouveau si\u00e8ge du SEM\" class=\"portfolio-entry-media-link wpex-lightbox-gallery\" data-gallery=\"[{&quot;src&quot;:&quot;https:\\\/\\\/www.garciafaura.com\\\/wp-content\\\/uploads\\\/2023\\\/07\\\/Seu-SEM-Garcia-Faura-1.jpg&quot;},{&quot;src&quot;:&quot;https:\\\/\\\/www.garciafaura.com\\\/wp-content\\\/uploads\\\/2023\\\/07\\\/Seu-SEM-Garcia-Faura-58.jpg&quot;},{&quot;src&quot;:&quot;https:\\\/\\\/www.garciafaura.com\\\/wp-content\\\/uploads\\\/2023\\\/07\\\/Seu-SEM-Garcia-Faura-57.jpg&quot;},{&quot;src&quot;:&quot;https:\\\/\\\/www.garciafaura.com\\\/wp-content\\\/uploads\\\/2023\\\/07\\\/Seu-SEM-Garcia-Faura-56.jpg&quot;},{&quot;src&quot;:&quot;https:\\\/\\\/www.garciafaura.com\\\/wp-content\\\/uploads\\\/2023\\\/07\\\/Seu-SEM-Garcia-Faura-55.jpg&quot;},{&quot;src&quot;:&quot;https:\\\/\\\/www.garciafaura.com\\\/wp-content\\\/uploads\\\/2023\\\/07\\\/Seu-SEM-Garcia-Faura-54.jpg&quot;},{&quot;src&quot;:&quot;https:\\\/\\\/www.garciafaura.com\\\/wp-content\\\/uploads\\\/2023\\\/07\\\/Seu-SEM-Garcia-Faura-53.jpg&quot;},{&quot;src&quot;:&quot;https:\\\/\\\/www.garciafaura.com\\\/wp-content\\\/uploads\\\/2023\\\/07\\\/Seu-SEM-Garcia-Faura-52.jpg&quot;},{&quot;src&quot;:&quot;https:\\\/\\\/www.garciafaura.com\\\/wp-content\\\/uploads\\\/2023\\\/07\\\/Seu-SEM-Garcia-Faura-51.jpg&quot;},{&quot;src&quot;:&quot;https:\\\/\\\/www.garciafaura.com\\\/wp-content\\\/uploads\\\/2023\\\/07\\\/Seu-SEM-Garcia-Faura-50.jpg&quot;},{&quot;src&quot;:&quot;https:\\\/\\\/www.garciafaura.com\\\/wp-content\\\/uploads\\\/2023\\\/07\\\/Seu-SEM-Garcia-Faura-49.jpg&quot;},{&quot;src&quot;:&quot;https:\\\/\\\/www.garciafaura.com\\\/wp-content\\\/uploads\\\/2023\\\/07\\\/Seu-SEM-Garcia-Faura-48.jpg&quot;},{&quot;src&quot;:&quot;https:\\\/\\\/www.garciafaura.com\\\/wp-content\\\/uploads\\\/2023\\\/07\\\/Seu-SEM-Garcia-Faura-47.jpg&quot;},{&quot;src&quot;:&quot;https:\\\/\\\/www.garciafaura.com\\\/wp-content\\\/uploads\\\/2023\\\/07\\\/Seu-SEM-Garcia-Faura-46.jpg&quot;},{&quot;src&quot;:&quot;https:\\\/\\\/www.garciafaura.com\\\/wp-content\\\/uploads\\\/2023\\\/07\\\/Seu-SEM-Garcia-Faura-45.jpg&quot;},{&quot;src&quot;:&quot;https:\\\/\\\/www.garciafaura.com\\\/wp-content\\\/uploads\\\/2023\\\/07\\\/Seu-SEM-Garcia-Faura-44.jpg&quot;},{&quot;src&quot;:&quot;https:\\\/\\\/www.garciafaura.com\\\/wp-content\\\/uploads\\\/2023\\\/07\\\/Seu-SEM-Garcia-Faura-43.jpg&quot;},{&quot;src&quot;:&quot;https:\\\/\\\/www.garciafaura.com\\\/wp-content\\\/uploads\\\/2023\\\/07\\\/Seu-SEM-Garcia-Faura-42.jpg&quot;},{&quot;src&quot;:&quot;https:\\\/\\\/www.garciafaura.com\\\/wp-content\\\/uploads\\\/2023\\\/07\\\/Seu-SEM-Garcia-Faura-41.jpg&quot;},{&quot;src&quot;:&quot;https:\\\/\\\/www.garciafaura.com\\\/wp-content\\\/uploads\\\/2023\\\/07\\\/Seu-SEM-Garcia-Faura-40.jpg&quot;},{&quot;src&quot;:&quot;https:\\\/\\\/www.garciafaura.com\\\/wp-content\\\/uploads\\\/2023\\\/07\\\/Seu-SEM-Garcia-Faura-39.jpg&quot;},{&quot;src&quot;:&quot;https:\\\/\\\/www.garciafaura.com\\\/wp-content\\\/uploads\\\/2023\\\/07\\\/Seu-SEM-Garcia-Faura-38.jpg&quot;},{&quot;src&quot;:&quot;https:\\\/\\\/www.garciafaura.com\\\/wp-content\\\/uploads\\\/2023\\\/07\\\/Seu-SEM-Garcia-Faura-37.jpg&quot;},{&quot;src&quot;:&quot;https:\\\/\\\/www.garciafaura.com\\\/wp-content\\\/uploads\\\/2023\\\/07\\\/Seu-SEM-Garcia-Faura-36.jpg&quot;},{&quot;src&quot;:&quot;https:\\\/\\\/www.garciafaura.com\\\/wp-content\\\/uploads\\\/2023\\\/07\\\/Seu-SEM-Garcia-Faura-35.jpg&quot;},{&quot;src&quot;:&quot;https:\\\/\\\/www.garciafaura.com\\\/wp-content\\\/uploads\\\/2023\\\/07\\\/Seu-SEM-Garcia-Faura-34.jpg&quot;},{&quot;src&quot;:&quot;https:\\\/\\\/www.garciafaura.com\\\/wp-content\\\/uploads\\\/2023\\\/07\\\/Seu-SEM-Garcia-Faura-33.jpg&quot;},{&quot;src&quot;:&quot;https:\\\/\\\/www.garciafaura.com\\\/wp-content\\\/uploads\\\/2023\\\/07\\\/Seu-SEM-Garcia-Faura-32.jpg&quot;},{&quot;src&quot;:&quot;https:\\\/\\\/www.garciafaura.com\\\/wp-content\\\/uploads\\\/2023\\\/07\\\/Seu-SEM-Garcia-Faura-31.jpg&quot;},{&quot;src&quot;:&quot;https:\\\/\\\/www.garciafaura.com\\\/wp-content\\\/uploads\\\/2023\\\/07\\\/Seu-SEM-Garcia-Faura-30.jpg&quot;},{&quot;src&quot;:&quot;https:\\\/\\\/www.garciafaura.com\\\/wp-content\\\/uploads\\\/2023\\\/07\\\/Seu-SEM-Garcia-Faura-29.jpg&quot;},{&quot;src&quot;:&quot;https:\\\/\\\/www.garciafaura.com\\\/wp-content\\\/uploads\\\/2023\\\/07\\\/Seu-SEM-Garcia-Faura-28.jpg&quot;},{&quot;src&quot;:&quot;https:\\\/\\\/www.garciafaura.com\\\/wp-content\\\/uploads\\\/2023\\\/07\\\/Seu-SEM-Garcia-Faura-27.jpg&quot;},{&quot;src&quot;:&quot;https:\\\/\\\/www.garciafaura.com\\\/wp-content\\\/uploads\\\/2023\\\/07\\\/Seu-SEM-Garcia-Faura-26.jpg&quot;},{&quot;src&quot;:&quot;https:\\\/\\\/www.garciafaura.com\\\/wp-content\\\/uploads\\\/2023\\\/07\\\/Seu-SEM-Garcia-Faura-25.jpg&quot;},{&quot;src&quot;:&quot;https:\\\/\\\/www.garciafaura.com\\\/wp-content\\\/uploads\\\/2023\\\/07\\\/Seu-SEM-Garcia-Faura-24.jpg&quot;},{&quot;src&quot;:&quot;https:\\\/\\\/www.garciafaura.com\\\/wp-content\\\/uploads\\\/2023\\\/07\\\/Seu-SEM-Garcia-Faura-23.jpg&quot;},{&quot;src&quot;:&quot;https:\\\/\\\/www.garciafaura.com\\\/wp-content\\\/uploads\\\/2023\\\/07\\\/Seu-SEM-Garcia-Faura-22.jpg&quot;},{&quot;src&quot;:&quot;https:\\\/\\\/www.garciafaura.com\\\/wp-content\\\/uploads\\\/2023\\\/07\\\/Seu-SEM-Garcia-Faura-21.jpg&quot;},{&quot;src&quot;:&quot;https:\\\/\\\/www.garciafaura.com\\\/wp-content\\\/uploads\\\/2023\\\/07\\\/Seu-SEM-Garcia-Faura-20.jpg&quot;},{&quot;src&quot;:&quot;https:\\\/\\\/www.garciafaura.com\\\/wp-content\\\/uploads\\\/2023\\\/07\\\/Seu-SEM-Garcia-Faura-19.jpg&quot;},{&quot;src&quot;:&quot;https:\\\/\\\/www.garciafaura.com\\\/wp-content\\\/uploads\\\/2023\\\/07\\\/Seu-SEM-Garcia-Faura-18.jpg&quot;},{&quot;src&quot;:&quot;https:\\\/\\\/www.garciafaura.com\\\/wp-content\\\/uploads\\\/2023\\\/07\\\/Seu-SEM-Garcia-Faura-17.jpg&quot;},{&quot;src&quot;:&quot;https:\\\/\\\/www.garciafaura.com\\\/wp-content\\\/uploads\\\/2023\\\/07\\\/Seu-SEM-Garcia-Faura-16.jpg&quot;},{&quot;src&quot;:&quot;https:\\\/\\\/www.garciafaura.com\\\/wp-content\\\/uploads\\\/2023\\\/07\\\/Seu-SEM-Garcia-Faura-15.jpg&quot;},{&quot;src&quot;:&quot;https:\\\/\\\/www.garciafaura.com\\\/wp-content\\\/uploads\\\/2023\\\/07\\\/Seu-SEM-Garcia-Faura-14.jpg&quot;},{&quot;src&quot;:&quot;https:\\\/\\\/www.garciafaura.com\\\/wp-content\\\/uploads\\\/2023\\\/07\\\/Seu-SEM-Garcia-Faura-13.jpg&quot;},{&quot;src&quot;:&quot;https:\\\/\\\/www.garciafaura.com\\\/wp-content\\\/uploads\\\/2023\\\/07\\\/Seu-SEM-Garcia-Faura-12.jpg&quot;},{&quot;src&quot;:&quot;https:\\\/\\\/www.garciafaura.com\\\/wp-content\\\/uploads\\\/2023\\\/07\\\/Seu-SEM-Garcia-Faura-11.jpg&quot;},{&quot;src&quot;:&quot;https:\\\/\\\/www.garciafaura.com\\\/wp-content\\\/uploads\\\/2023\\\/07\\\/Seu-SEM-Garcia-Faura-10.jpg&quot;},{&quot;src&quot;:&quot;https:\\\/\\\/www.garciafaura.com\\\/wp-content\\\/uploads\\\/2023\\\/07\\\/Seu-SEM-Garcia-Faura-9.jpg&quot;},{&quot;src&quot;:&quot;https:\\\/\\\/www.garciafaura.com\\\/wp-content\\\/uploads\\\/2023\\\/07\\\/Seu-SEM-Garcia-Faura-8.jpg&quot;},{&quot;src&quot;:&quot;https:\\\/\\\/www.garciafaura.com\\\/wp-content\\\/uploads\\\/2023\\\/07\\\/Seu-SEM-Garcia-Faura-7.jpg&quot;},{&quot;src&quot;:&quot;https:\\\/\\\/www.garciafaura.com\\\/wp-content\\\/uploads\\\/2023\\\/07\\\/Seu-SEM-Garcia-Faura-6.jpg&quot;},{&quot;src&quot;:&quot;https:\\\/\\\/www.garciafaura.com\\\/wp-content\\\/uploads\\\/2023\\\/07\\\/Seu-SEM-Garcia-Faura-5.jpg&quot;},{&quot;src&quot;:&quot;https:\\\/\\\/www.garciafaura.com\\\/wp-content\\\/uploads\\\/2023\\\/07\\\/Seu-SEM-Garcia-Faura-4.jpg&quot;},{&quot;src&quot;:&quot;https:\\\/\\\/www.garciafaura.com\\\/wp-content\\\/uploads\\\/2023\\\/07\\\/Seu-SEM-Garcia-Faura-3.jpg&quot;},{&quot;src&quot;:&quot;https:\\\/\\\/www.garciafaura.com\\\/wp-content\\\/uploads\\\/2023\\\/07\\\/Seu-SEM-Garcia-Faura-2.jpg&quot;}]\"><img loading=\"lazy\" decoding=\"async\" data-no-lazy=\"1\" class=\"portfolio-entry-img skip-lazy\" src=\"https:\/\/www.garciafaura.com\/wp-content\/uploads\/2023\/07\/Seu-SEM-Garcia-Faura-23-600x314.jpg\" alt='' data-no-retina width=\"600\" height=\"314\" \/><\/a><\/div><div class=\"portfolio-entry-details entry-details wpex-clr\"><h2 class=\"portfolio-entry-title entry-title\"><a href=\"https:\/\/www.garciafaura.com\/fr\/portfolio-item\/nova-seu-del-servei-demergencies-mediques\/\" title=\"Nouveau si\u00e8ge du SEM\">Nouveau si\u00e8ge du SEM<\/a><\/h2><div class=\"portfolio-entry-categories entry-categories wpex-clr\"><a href=\"https:\/\/www.garciafaura.com\/fr\/portfolio-category\/facades-fr\/\" class=\"term-93\">Fa\u00e7ades<\/a><\/div><\/div><\/div><\/div><div class=\"portfolio-entry vcex-grid-item entry-has-details span_1_of_3 col col-2 vcex-isotope-entry vcex-no-margin-entry post-32153 entry type-portfolio has-media cat-75 cat-93 cat-95 cat-90 cat-101 translation_priority-5\"><div class=\"portfolio-entry-inner entry-inner wpex-clr\"><div class=\"portfolio-entry-media entry-media wpex-clr\"><a href=\"https:\/\/www.garciafaura.com\/wp-content\/uploads\/2023\/06\/Garcia-Faura-Edifici-Novartis-1.jpg\" title=\"R\u00e9novation du b\u00e2timent de Novartis\" class=\"portfolio-entry-media-link wpex-lightbox-gallery\" data-gallery=\"[{&quot;src&quot;:&quot;https:\\\/\\\/www.garciafaura.com\\\/wp-content\\\/uploads\\\/2023\\\/06\\\/Garcia-Faura-Edifici-Novartis-1.jpg&quot;,&quot;title&quot;:&quot;Garcia Faura Edifici Novartis&quot;},{&quot;src&quot;:&quot;https:\\\/\\\/www.garciafaura.com\\\/wp-content\\\/uploads\\\/2023\\\/06\\\/Garcia-Faura-Edifici-Novartis-42.jpg&quot;,&quot;title&quot;:&quot;Garcia Faura Edifici Novartis&quot;},{&quot;src&quot;:&quot;https:\\\/\\\/www.garciafaura.com\\\/wp-content\\\/uploads\\\/2023\\\/06\\\/Garcia-Faura-Edifici-Novartis-41.jpg&quot;,&quot;title&quot;:&quot;Garcia Faura Edifici Novartis&quot;},{&quot;src&quot;:&quot;https:\\\/\\\/www.garciafaura.com\\\/wp-content\\\/uploads\\\/2023\\\/06\\\/Garcia-Faura-Edifici-Novartis-40.jpg&quot;,&quot;title&quot;:&quot;Garcia Faura Edifici Novartis&quot;},{&quot;src&quot;:&quot;https:\\\/\\\/www.garciafaura.com\\\/wp-content\\\/uploads\\\/2023\\\/06\\\/Garcia-Faura-Edifici-Novartis-39.jpg&quot;,&quot;title&quot;:&quot;Garcia Faura Edifici Novartis&quot;},{&quot;src&quot;:&quot;https:\\\/\\\/www.garciafaura.com\\\/wp-content\\\/uploads\\\/2023\\\/06\\\/Garcia-Faura-Edifici-Novartis-38.jpg&quot;,&quot;title&quot;:&quot;Garcia Faura Edifici Novartis&quot;},{&quot;src&quot;:&quot;https:\\\/\\\/www.garciafaura.com\\\/wp-content\\\/uploads\\\/2023\\\/06\\\/Garcia-Faura-Edifici-Novartis-37.jpg&quot;,&quot;title&quot;:&quot;Garcia Faura Edifici Novartis&quot;},{&quot;src&quot;:&quot;https:\\\/\\\/www.garciafaura.com\\\/wp-content\\\/uploads\\\/2023\\\/06\\\/Garcia-Faura-Edifici-Novartis-36.jpg&quot;,&quot;title&quot;:&quot;Garcia Faura Edifici Novartis&quot;},{&quot;src&quot;:&quot;https:\\\/\\\/www.garciafaura.com\\\/wp-content\\\/uploads\\\/2023\\\/06\\\/Garcia-Faura-Edifici-Novartis-35.jpg&quot;,&quot;title&quot;:&quot;Garcia Faura Edifici Novartis&quot;},{&quot;src&quot;:&quot;https:\\\/\\\/www.garciafaura.com\\\/wp-content\\\/uploads\\\/2023\\\/06\\\/Garcia-Faura-Edifici-Novartis-34.jpg&quot;,&quot;title&quot;:&quot;Garcia Faura Edifici Novartis&quot;},{&quot;src&quot;:&quot;https:\\\/\\\/www.garciafaura.com\\\/wp-content\\\/uploads\\\/2023\\\/06\\\/Garcia-Faura-Edifici-Novartis-33.jpg&quot;,&quot;title&quot;:&quot;Garcia Faura Edifici Novartis&quot;},{&quot;src&quot;:&quot;https:\\\/\\\/www.garciafaura.com\\\/wp-content\\\/uploads\\\/2023\\\/06\\\/Garcia-Faura-Edifici-Novartis-32.jpg&quot;,&quot;title&quot;:&quot;Garcia Faura Edifici Novartis&quot;},{&quot;src&quot;:&quot;https:\\\/\\\/www.garciafaura.com\\\/wp-content\\\/uploads\\\/2023\\\/06\\\/Garcia-Faura-Edifici-Novartis-31.jpg&quot;,&quot;title&quot;:&quot;Garcia Faura Edifici Novartis&quot;},{&quot;src&quot;:&quot;https:\\\/\\\/www.garciafaura.com\\\/wp-content\\\/uploads\\\/2023\\\/06\\\/Garcia-Faura-Edifici-Novartis-30.jpg&quot;,&quot;title&quot;:&quot;Garcia Faura Edifici Novartis&quot;},{&quot;src&quot;:&quot;https:\\\/\\\/www.garciafaura.com\\\/wp-content\\\/uploads\\\/2023\\\/06\\\/Garcia-Faura-Edifici-Novartis-29.jpg&quot;,&quot;title&quot;:&quot;Garcia Faura Edifici Novartis&quot;},{&quot;src&quot;:&quot;https:\\\/\\\/www.garciafaura.com\\\/wp-content\\\/uploads\\\/2023\\\/06\\\/Garcia-Faura-Edifici-Novartis-28.jpg&quot;,&quot;title&quot;:&quot;Garcia Faura Edifici Novartis&quot;},{&quot;src&quot;:&quot;https:\\\/\\\/www.garciafaura.com\\\/wp-content\\\/uploads\\\/2023\\\/06\\\/Garcia-Faura-Edifici-Novartis-27.jpg&quot;,&quot;title&quot;:&quot;Garcia Faura Edifici Novartis&quot;},{&quot;src&quot;:&quot;https:\\\/\\\/www.garciafaura.com\\\/wp-content\\\/uploads\\\/2023\\\/06\\\/Garcia-Faura-Edifici-Novartis-26.jpg&quot;,&quot;title&quot;:&quot;Garcia Faura Edifici Novartis&quot;},{&quot;src&quot;:&quot;https:\\\/\\\/www.garciafaura.com\\\/wp-content\\\/uploads\\\/2023\\\/06\\\/Garcia-Faura-Edifici-Novartis-25.jpg&quot;,&quot;title&quot;:&quot;Garcia Faura Edifici Novartis&quot;},{&quot;src&quot;:&quot;https:\\\/\\\/www.garciafaura.com\\\/wp-content\\\/uploads\\\/2023\\\/06\\\/Garcia-Faura-Edifici-Novartis-24.jpg&quot;,&quot;title&quot;:&quot;Garcia Faura Edifici Novartis&quot;},{&quot;src&quot;:&quot;https:\\\/\\\/www.garciafaura.com\\\/wp-content\\\/uploads\\\/2023\\\/06\\\/Garcia-Faura-Edifici-Novartis-23.jpg&quot;,&quot;title&quot;:&quot;Garcia Faura Edifici Novartis&quot;},{&quot;src&quot;:&quot;https:\\\/\\\/www.garciafaura.com\\\/wp-content\\\/uploads\\\/2023\\\/06\\\/Garcia-Faura-Edifici-Novartis-22.jpg&quot;,&quot;title&quot;:&quot;Garcia Faura Edifici Novartis&quot;},{&quot;src&quot;:&quot;https:\\\/\\\/www.garciafaura.com\\\/wp-content\\\/uploads\\\/2023\\\/06\\\/Garcia-Faura-Edifici-Novartis-21.jpg&quot;,&quot;title&quot;:&quot;Garcia Faura Edifici Novartis&quot;},{&quot;src&quot;:&quot;https:\\\/\\\/www.garciafaura.com\\\/wp-content\\\/uploads\\\/2023\\\/06\\\/Garcia-Faura-Edifici-Novartis-20.jpg&quot;,&quot;title&quot;:&quot;Garcia Faura Edifici Novartis&quot;},{&quot;src&quot;:&quot;https:\\\/\\\/www.garciafaura.com\\\/wp-content\\\/uploads\\\/2023\\\/06\\\/Garcia-Faura-Edifici-Novartis-19.jpg&quot;,&quot;title&quot;:&quot;Garcia Faura Edifici Novartis&quot;},{&quot;src&quot;:&quot;https:\\\/\\\/www.garciafaura.com\\\/wp-content\\\/uploads\\\/2023\\\/06\\\/Garcia-Faura-Edifici-Novartis-18.jpg&quot;,&quot;title&quot;:&quot;Garcia Faura Edifici Novartis&quot;},{&quot;src&quot;:&quot;https:\\\/\\\/www.garciafaura.com\\\/wp-content\\\/uploads\\\/2023\\\/06\\\/Garcia-Faura-Edifici-Novartis-17.jpg&quot;,&quot;title&quot;:&quot;Garcia Faura Edifici Novartis&quot;},{&quot;src&quot;:&quot;https:\\\/\\\/www.garciafaura.com\\\/wp-content\\\/uploads\\\/2023\\\/06\\\/Garcia-Faura-Edifici-Novartis-16.jpg&quot;,&quot;title&quot;:&quot;Garcia Faura Edifici Novartis&quot;},{&quot;src&quot;:&quot;https:\\\/\\\/www.garciafaura.com\\\/wp-content\\\/uploads\\\/2023\\\/06\\\/Garcia-Faura-Edifici-Novartis-15.jpg&quot;,&quot;title&quot;:&quot;Garcia Faura Edifici Novartis&quot;},{&quot;src&quot;:&quot;https:\\\/\\\/www.garciafaura.com\\\/wp-content\\\/uploads\\\/2023\\\/06\\\/Garcia-Faura-Edifici-Novartis-14.jpg&quot;,&quot;title&quot;:&quot;Garcia Faura Edifici Novartis&quot;},{&quot;src&quot;:&quot;https:\\\/\\\/www.garciafaura.com\\\/wp-content\\\/uploads\\\/2023\\\/06\\\/Garcia-Faura-Edifici-Novartis-13.jpg&quot;,&quot;title&quot;:&quot;Garcia Faura Edifici Novartis&quot;},{&quot;src&quot;:&quot;https:\\\/\\\/www.garciafaura.com\\\/wp-content\\\/uploads\\\/2023\\\/06\\\/Garcia-Faura-Edifici-Novartis-12.jpg&quot;,&quot;title&quot;:&quot;Garcia Faura Edifici Novartis&quot;},{&quot;src&quot;:&quot;https:\\\/\\\/www.garciafaura.com\\\/wp-content\\\/uploads\\\/2023\\\/06\\\/Garcia-Faura-Edifici-Novartis-11.jpg&quot;,&quot;title&quot;:&quot;Garcia Faura Edifici Novartis&quot;},{&quot;src&quot;:&quot;https:\\\/\\\/www.garciafaura.com\\\/wp-content\\\/uploads\\\/2023\\\/06\\\/Garcia-Faura-Edifici-Novartis-10.jpg&quot;,&quot;title&quot;:&quot;Garcia Faura Edifici Novartis&quot;},{&quot;src&quot;:&quot;https:\\\/\\\/www.garciafaura.com\\\/wp-content\\\/uploads\\\/2023\\\/06\\\/Garcia-Faura-Edifici-Novartis-9.jpg&quot;,&quot;title&quot;:&quot;Garcia Faura Edifici Novartis&quot;},{&quot;src&quot;:&quot;https:\\\/\\\/www.garciafaura.com\\\/wp-content\\\/uploads\\\/2023\\\/06\\\/Garcia-Faura-Edifici-Novartis-8.jpg&quot;,&quot;title&quot;:&quot;Garcia Faura Edifici Novartis&quot;},{&quot;src&quot;:&quot;https:\\\/\\\/www.garciafaura.com\\\/wp-content\\\/uploads\\\/2023\\\/06\\\/Garcia-Faura-Edifici-Novartis-7.jpg&quot;,&quot;title&quot;:&quot;Garcia Faura Edifici Novartis&quot;},{&quot;src&quot;:&quot;https:\\\/\\\/www.garciafaura.com\\\/wp-content\\\/uploads\\\/2023\\\/06\\\/Garcia-Faura-Edifici-Novartis-6.jpg&quot;,&quot;title&quot;:&quot;Garcia Faura Edifici Novartis&quot;},{&quot;src&quot;:&quot;https:\\\/\\\/www.garciafaura.com\\\/wp-content\\\/uploads\\\/2023\\\/06\\\/Garcia-Faura-Edifici-Novartis-5.jpg&quot;,&quot;title&quot;:&quot;Garcia Faura Edifici Novartis&quot;},{&quot;src&quot;:&quot;https:\\\/\\\/www.garciafaura.com\\\/wp-content\\\/uploads\\\/2023\\\/06\\\/Garcia-Faura-Edifici-Novartis-4.jpg&quot;,&quot;title&quot;:&quot;Garcia Faura Edifici Novartis&quot;},{&quot;src&quot;:&quot;https:\\\/\\\/www.garciafaura.com\\\/wp-content\\\/uploads\\\/2023\\\/06\\\/Garcia-Faura-Edifici-Novartis-3.jpg&quot;,&quot;title&quot;:&quot;Garcia Faura Edifici Novartis&quot;},{&quot;src&quot;:&quot;https:\\\/\\\/www.garciafaura.com\\\/wp-content\\\/uploads\\\/2023\\\/06\\\/Garcia-Faura-Edifici-Novartis-2.jpg&quot;,&quot;title&quot;:&quot;Garcia Faura Edifici Novartis&quot;}]\"><img loading=\"lazy\" decoding=\"async\" data-no-lazy=\"1\" class=\"portfolio-entry-img skip-lazy\" src=\"https:\/\/www.garciafaura.com\/wp-content\/uploads\/2023\/06\/Garcia-Faura-Edifici-Novartis-1-600x314.jpg\" alt=\"Garcia Faura Edifici Novartis\" data-no-retina width=\"600\" height=\"314\" \/><\/a><\/div><div class=\"portfolio-entry-details entry-details wpex-clr\"><h2 class=\"portfolio-entry-title entry-title\"><a href=\"https:\/\/www.garciafaura.com\/fr\/portfolio-item\/rehabilitacio-edifici-novartis-gran-via\/\" title=\"R\u00e9novation du b\u00e2timent de Novartis\">R\u00e9novation du b\u00e2timent de Novartis<\/a><\/h2><div class=\"portfolio-entry-categories entry-categories wpex-clr\"><a href=\"https:\/\/www.garciafaura.com\/fr\/portfolio-category\/facades-remarquables\/\" class=\"term-95\">Fa\u00e7ades Remarquables<\/a><\/div><\/div><\/div><\/div><div class=\"portfolio-entry vcex-grid-item entry-has-details span_1_of_3 col col-3 vcex-isotope-entry vcex-no-margin-entry post-31254 entry type-portfolio has-media cat-93 cat-95 cat-94 cat-96 cat-90 cat-101 translation_priority-5\"><div class=\"portfolio-entry-inner entry-inner wpex-clr\"><div class=\"portfolio-entry-media entry-media wpex-clr\"><a href=\"https:\/\/www.garciafaura.com\/wp-content\/uploads\/2023\/02\/Hotel-NH-Calderon-50.jpg\" title=\"H\u00f4tel NH Calder\u00f3n\" class=\"portfolio-entry-media-link wpex-lightbox-gallery\" data-gallery=\"[{&quot;src&quot;:&quot;https:\\\/\\\/www.garciafaura.com\\\/wp-content\\\/uploads\\\/2023\\\/02\\\/Hotel-NH-Calderon-50.jpg&quot;},{&quot;src&quot;:&quot;https:\\\/\\\/www.garciafaura.com\\\/wp-content\\\/uploads\\\/2023\\\/02\\\/Hotel-NH-Calderon-1.jpg&quot;},{&quot;src&quot;:&quot;https:\\\/\\\/www.garciafaura.com\\\/wp-content\\\/uploads\\\/2023\\\/02\\\/Hotel-NH-Calderon-49.jpg&quot;},{&quot;src&quot;:&quot;https:\\\/\\\/www.garciafaura.com\\\/wp-content\\\/uploads\\\/2023\\\/02\\\/Hotel-NH-Calderon-48.jpg&quot;},{&quot;src&quot;:&quot;https:\\\/\\\/www.garciafaura.com\\\/wp-content\\\/uploads\\\/2023\\\/02\\\/Hotel-NH-Calderon-47.jpg&quot;},{&quot;src&quot;:&quot;https:\\\/\\\/www.garciafaura.com\\\/wp-content\\\/uploads\\\/2023\\\/02\\\/Hotel-NH-Calderon-46.jpg&quot;},{&quot;src&quot;:&quot;https:\\\/\\\/www.garciafaura.com\\\/wp-content\\\/uploads\\\/2023\\\/02\\\/Hotel-NH-Calderon-45.jpg&quot;},{&quot;src&quot;:&quot;https:\\\/\\\/www.garciafaura.com\\\/wp-content\\\/uploads\\\/2023\\\/02\\\/Hotel-NH-Calderon-44.jpg&quot;},{&quot;src&quot;:&quot;https:\\\/\\\/www.garciafaura.com\\\/wp-content\\\/uploads\\\/2023\\\/02\\\/Hotel-NH-Calderon-43.jpg&quot;},{&quot;src&quot;:&quot;https:\\\/\\\/www.garciafaura.com\\\/wp-content\\\/uploads\\\/2023\\\/02\\\/Hotel-NH-Calderon-42.jpg&quot;},{&quot;src&quot;:&quot;https:\\\/\\\/www.garciafaura.com\\\/wp-content\\\/uploads\\\/2023\\\/02\\\/Hotel-NH-Calderon-41.jpg&quot;},{&quot;src&quot;:&quot;https:\\\/\\\/www.garciafaura.com\\\/wp-content\\\/uploads\\\/2023\\\/02\\\/Hotel-NH-Calderon-40.jpg&quot;},{&quot;src&quot;:&quot;https:\\\/\\\/www.garciafaura.com\\\/wp-content\\\/uploads\\\/2023\\\/02\\\/Hotel-NH-Calderon-39.jpg&quot;},{&quot;src&quot;:&quot;https:\\\/\\\/www.garciafaura.com\\\/wp-content\\\/uploads\\\/2023\\\/02\\\/Hotel-NH-Calderon-38.jpg&quot;},{&quot;src&quot;:&quot;https:\\\/\\\/www.garciafaura.com\\\/wp-content\\\/uploads\\\/2023\\\/02\\\/Hotel-NH-Calderon-37.jpg&quot;},{&quot;src&quot;:&quot;https:\\\/\\\/www.garciafaura.com\\\/wp-content\\\/uploads\\\/2023\\\/02\\\/Hotel-NH-Calderon-36.jpg&quot;},{&quot;src&quot;:&quot;https:\\\/\\\/www.garciafaura.com\\\/wp-content\\\/uploads\\\/2023\\\/02\\\/Hotel-NH-Calderon-35.jpg&quot;},{&quot;src&quot;:&quot;https:\\\/\\\/www.garciafaura.com\\\/wp-content\\\/uploads\\\/2023\\\/02\\\/Hotel-NH-Calderon-34.jpg&quot;},{&quot;src&quot;:&quot;https:\\\/\\\/www.garciafaura.com\\\/wp-content\\\/uploads\\\/2023\\\/02\\\/Hotel-NH-Calderon-33.jpg&quot;},{&quot;src&quot;:&quot;https:\\\/\\\/www.garciafaura.com\\\/wp-content\\\/uploads\\\/2023\\\/02\\\/Hotel-NH-Calderon-32.jpg&quot;},{&quot;src&quot;:&quot;https:\\\/\\\/www.garciafaura.com\\\/wp-content\\\/uploads\\\/2023\\\/02\\\/Hotel-NH-Calderon-31.jpg&quot;},{&quot;src&quot;:&quot;https:\\\/\\\/www.garciafaura.com\\\/wp-content\\\/uploads\\\/2023\\\/02\\\/Hotel-NH-Calderon-30.jpg&quot;},{&quot;src&quot;:&quot;https:\\\/\\\/www.garciafaura.com\\\/wp-content\\\/uploads\\\/2023\\\/02\\\/Hotel-NH-Calderon-29.jpg&quot;},{&quot;src&quot;:&quot;https:\\\/\\\/www.garciafaura.com\\\/wp-content\\\/uploads\\\/2023\\\/02\\\/Hotel-NH-Calderon-28.jpg&quot;},{&quot;src&quot;:&quot;https:\\\/\\\/www.garciafaura.com\\\/wp-content\\\/uploads\\\/2023\\\/02\\\/Hotel-NH-Calderon-27.jpg&quot;},{&quot;src&quot;:&quot;https:\\\/\\\/www.garciafaura.com\\\/wp-content\\\/uploads\\\/2023\\\/02\\\/Hotel-NH-Calderon-26.jpg&quot;},{&quot;src&quot;:&quot;https:\\\/\\\/www.garciafaura.com\\\/wp-content\\\/uploads\\\/2023\\\/02\\\/Hotel-NH-Calderon-25.jpg&quot;},{&quot;src&quot;:&quot;https:\\\/\\\/www.garciafaura.com\\\/wp-content\\\/uploads\\\/2023\\\/02\\\/Hotel-NH-Calderon-24.jpg&quot;},{&quot;src&quot;:&quot;https:\\\/\\\/www.garciafaura.com\\\/wp-content\\\/uploads\\\/2023\\\/02\\\/Hotel-NH-Calderon-23.jpg&quot;},{&quot;src&quot;:&quot;https:\\\/\\\/www.garciafaura.com\\\/wp-content\\\/uploads\\\/2023\\\/02\\\/Hotel-NH-Calderon-22.jpg&quot;},{&quot;src&quot;:&quot;https:\\\/\\\/www.garciafaura.com\\\/wp-content\\\/uploads\\\/2023\\\/02\\\/Hotel-NH-Calderon-21.jpg&quot;},{&quot;src&quot;:&quot;https:\\\/\\\/www.garciafaura.com\\\/wp-content\\\/uploads\\\/2023\\\/02\\\/Hotel-NH-Calderon-20.jpg&quot;},{&quot;src&quot;:&quot;https:\\\/\\\/www.garciafaura.com\\\/wp-content\\\/uploads\\\/2023\\\/02\\\/Hotel-NH-Calderon-19.jpg&quot;},{&quot;src&quot;:&quot;https:\\\/\\\/www.garciafaura.com\\\/wp-content\\\/uploads\\\/2023\\\/02\\\/Hotel-NH-Calderon-18.jpg&quot;},{&quot;src&quot;:&quot;https:\\\/\\\/www.garciafaura.com\\\/wp-content\\\/uploads\\\/2023\\\/02\\\/Hotel-NH-Calderon-17.jpg&quot;},{&quot;src&quot;:&quot;https:\\\/\\\/www.garciafaura.com\\\/wp-content\\\/uploads\\\/2023\\\/02\\\/Hotel-NH-Calderon-16.jpg&quot;},{&quot;src&quot;:&quot;https:\\\/\\\/www.garciafaura.com\\\/wp-content\\\/uploads\\\/2023\\\/02\\\/Hotel-NH-Calderon-15.jpg&quot;},{&quot;src&quot;:&quot;https:\\\/\\\/www.garciafaura.com\\\/wp-content\\\/uploads\\\/2023\\\/02\\\/Hotel-NH-Calderon-14.jpg&quot;},{&quot;src&quot;:&quot;https:\\\/\\\/www.garciafaura.com\\\/wp-content\\\/uploads\\\/2023\\\/02\\\/Hotel-NH-Calderon-13.jpg&quot;},{&quot;src&quot;:&quot;https:\\\/\\\/www.garciafaura.com\\\/wp-content\\\/uploads\\\/2023\\\/02\\\/Hotel-NH-Calderon-12.jpg&quot;},{&quot;src&quot;:&quot;https:\\\/\\\/www.garciafaura.com\\\/wp-content\\\/uploads\\\/2023\\\/02\\\/Hotel-NH-Calderon-11.jpg&quot;},{&quot;src&quot;:&quot;https:\\\/\\\/www.garciafaura.com\\\/wp-content\\\/uploads\\\/2023\\\/02\\\/Hotel-NH-Calderon-10.jpg&quot;},{&quot;src&quot;:&quot;https:\\\/\\\/www.garciafaura.com\\\/wp-content\\\/uploads\\\/2023\\\/02\\\/Hotel-NH-Calderon-9.jpg&quot;},{&quot;src&quot;:&quot;https:\\\/\\\/www.garciafaura.com\\\/wp-content\\\/uploads\\\/2023\\\/02\\\/Hotel-NH-Calderon-8.jpg&quot;},{&quot;src&quot;:&quot;https:\\\/\\\/www.garciafaura.com\\\/wp-content\\\/uploads\\\/2023\\\/02\\\/Hotel-NH-Calderon-7.jpg&quot;},{&quot;src&quot;:&quot;https:\\\/\\\/www.garciafaura.com\\\/wp-content\\\/uploads\\\/2023\\\/02\\\/Hotel-NH-Calderon-6.jpg&quot;},{&quot;src&quot;:&quot;https:\\\/\\\/www.garciafaura.com\\\/wp-content\\\/uploads\\\/2023\\\/02\\\/Hotel-NH-Calderon-5.jpg&quot;},{&quot;src&quot;:&quot;https:\\\/\\\/www.garciafaura.com\\\/wp-content\\\/uploads\\\/2023\\\/02\\\/Hotel-NH-Calderon-4.jpg&quot;},{&quot;src&quot;:&quot;https:\\\/\\\/www.garciafaura.com\\\/wp-content\\\/uploads\\\/2023\\\/02\\\/Hotel-NH-Calderon-3.jpg&quot;},{&quot;src&quot;:&quot;https:\\\/\\\/www.garciafaura.com\\\/wp-content\\\/uploads\\\/2023\\\/02\\\/Hotel-NH-Calderon-2.jpg&quot;}]\"><img loading=\"lazy\" decoding=\"async\" data-no-lazy=\"1\" class=\"portfolio-entry-img skip-lazy\" src=\"https:\/\/www.garciafaura.com\/wp-content\/uploads\/2023\/02\/Hotel-NH-Calderon-50-600x314.jpg\" alt='' data-no-retina width=\"600\" height=\"314\" \/><\/a><\/div><div class=\"portfolio-entry-details entry-details wpex-clr\"><h2 class=\"portfolio-entry-title entry-title\"><a href=\"https:\/\/www.garciafaura.com\/fr\/portfolio-item\/hotel-nh-calderon\/\" title=\"H\u00f4tel NH Calder\u00f3n\">H\u00f4tel NH Calder\u00f3n<\/a><\/h2><div class=\"portfolio-entry-categories entry-categories wpex-clr\"><a href=\"https:\/\/www.garciafaura.com\/fr\/portfolio-category\/facades-fr\/\" class=\"term-93\">Fa\u00e7ades<\/a><\/div><\/div><\/div><\/div><div class=\"portfolio-entry vcex-grid-item entry-has-details span_1_of_3 col col-1 vcex-isotope-entry vcex-no-margin-entry post-31246 entry type-portfolio has-media cat-93 cat-95 cat-94 cat-96 translation_priority-5\"><div class=\"portfolio-entry-inner entry-inner wpex-clr\"><div class=\"portfolio-entry-media entry-media wpex-clr\"><a href=\"https:\/\/www.garciafaura.com\/wp-content\/uploads\/2023\/02\/Hotel-SB-Sant-Feliu-Llobregat-16.jpg\" title=\"H\u00f4tel SB Sant Feliu de Llobregat\" class=\"portfolio-entry-media-link wpex-lightbox-gallery\" data-gallery=\"[{&quot;src&quot;:&quot;https:\\\/\\\/www.garciafaura.com\\\/wp-content\\\/uploads\\\/2023\\\/02\\\/Hotel-SB-Sant-Feliu-Llobregat-16.jpg&quot;},{&quot;src&quot;:&quot;https:\\\/\\\/www.garciafaura.com\\\/wp-content\\\/uploads\\\/2023\\\/02\\\/Hotel-SB-Sant-Feliu-Llobregat-1.jpg&quot;},{&quot;src&quot;:&quot;https:\\\/\\\/www.garciafaura.com\\\/wp-content\\\/uploads\\\/2023\\\/02\\\/Hotel-SB-Sant-Feliu-Llobregat-37.jpg&quot;},{&quot;src&quot;:&quot;https:\\\/\\\/www.garciafaura.com\\\/wp-content\\\/uploads\\\/2023\\\/02\\\/Hotel-SB-Sant-Feliu-Llobregat-36.jpg&quot;},{&quot;src&quot;:&quot;https:\\\/\\\/www.garciafaura.com\\\/wp-content\\\/uploads\\\/2023\\\/02\\\/Hotel-SB-Sant-Feliu-Llobregat-35.jpg&quot;},{&quot;src&quot;:&quot;https:\\\/\\\/www.garciafaura.com\\\/wp-content\\\/uploads\\\/2023\\\/02\\\/Hotel-SB-Sant-Feliu-Llobregat-34.jpg&quot;},{&quot;src&quot;:&quot;https:\\\/\\\/www.garciafaura.com\\\/wp-content\\\/uploads\\\/2023\\\/02\\\/Hotel-SB-Sant-Feliu-Llobregat-33.jpg&quot;},{&quot;src&quot;:&quot;https:\\\/\\\/www.garciafaura.com\\\/wp-content\\\/uploads\\\/2023\\\/02\\\/Hotel-SB-Sant-Feliu-Llobregat-32.jpg&quot;},{&quot;src&quot;:&quot;https:\\\/\\\/www.garciafaura.com\\\/wp-content\\\/uploads\\\/2023\\\/02\\\/Hotel-SB-Sant-Feliu-Llobregat-31.jpg&quot;},{&quot;src&quot;:&quot;https:\\\/\\\/www.garciafaura.com\\\/wp-content\\\/uploads\\\/2023\\\/02\\\/Hotel-SB-Sant-Feliu-Llobregat-30.jpg&quot;},{&quot;src&quot;:&quot;https:\\\/\\\/www.garciafaura.com\\\/wp-content\\\/uploads\\\/2023\\\/02\\\/Hotel-SB-Sant-Feliu-Llobregat-29.jpg&quot;},{&quot;src&quot;:&quot;https:\\\/\\\/www.garciafaura.com\\\/wp-content\\\/uploads\\\/2023\\\/02\\\/Hotel-SB-Sant-Feliu-Llobregat-28.jpg&quot;},{&quot;src&quot;:&quot;https:\\\/\\\/www.garciafaura.com\\\/wp-content\\\/uploads\\\/2023\\\/02\\\/Hotel-SB-Sant-Feliu-Llobregat-27.jpg&quot;},{&quot;src&quot;:&quot;https:\\\/\\\/www.garciafaura.com\\\/wp-content\\\/uploads\\\/2023\\\/02\\\/Hotel-SB-Sant-Feliu-Llobregat-26.jpg&quot;},{&quot;src&quot;:&quot;https:\\\/\\\/www.garciafaura.com\\\/wp-content\\\/uploads\\\/2023\\\/02\\\/Hotel-SB-Sant-Feliu-Llobregat-25.jpg&quot;},{&quot;src&quot;:&quot;https:\\\/\\\/www.garciafaura.com\\\/wp-content\\\/uploads\\\/2023\\\/02\\\/Hotel-SB-Sant-Feliu-Llobregat-24.jpg&quot;},{&quot;src&quot;:&quot;https:\\\/\\\/www.garciafaura.com\\\/wp-content\\\/uploads\\\/2023\\\/02\\\/Hotel-SB-Sant-Feliu-Llobregat-23.jpg&quot;},{&quot;src&quot;:&quot;https:\\\/\\\/www.garciafaura.com\\\/wp-content\\\/uploads\\\/2023\\\/02\\\/Hotel-SB-Sant-Feliu-Llobregat-22.jpg&quot;},{&quot;src&quot;:&quot;https:\\\/\\\/www.garciafaura.com\\\/wp-content\\\/uploads\\\/2023\\\/02\\\/Hotel-SB-Sant-Feliu-Llobregat-21.jpg&quot;},{&quot;src&quot;:&quot;https:\\\/\\\/www.garciafaura.com\\\/wp-content\\\/uploads\\\/2023\\\/02\\\/Hotel-SB-Sant-Feliu-Llobregat-20.jpg&quot;},{&quot;src&quot;:&quot;https:\\\/\\\/www.garciafaura.com\\\/wp-content\\\/uploads\\\/2023\\\/02\\\/Hotel-SB-Sant-Feliu-Llobregat-19.jpg&quot;},{&quot;src&quot;:&quot;https:\\\/\\\/www.garciafaura.com\\\/wp-content\\\/uploads\\\/2023\\\/02\\\/Hotel-SB-Sant-Feliu-Llobregat-18.jpg&quot;},{&quot;src&quot;:&quot;https:\\\/\\\/www.garciafaura.com\\\/wp-content\\\/uploads\\\/2023\\\/02\\\/Hotel-SB-Sant-Feliu-Llobregat-17.jpg&quot;},{&quot;src&quot;:&quot;https:\\\/\\\/www.garciafaura.com\\\/wp-content\\\/uploads\\\/2023\\\/02\\\/Hotel-SB-Sant-Feliu-Llobregat-15.jpg&quot;},{&quot;src&quot;:&quot;https:\\\/\\\/www.garciafaura.com\\\/wp-content\\\/uploads\\\/2023\\\/02\\\/Hotel-SB-Sant-Feliu-Llobregat-14.jpg&quot;},{&quot;src&quot;:&quot;https:\\\/\\\/www.garciafaura.com\\\/wp-content\\\/uploads\\\/2023\\\/02\\\/Hotel-SB-Sant-Feliu-Llobregat-13.jpg&quot;},{&quot;src&quot;:&quot;https:\\\/\\\/www.garciafaura.com\\\/wp-content\\\/uploads\\\/2023\\\/02\\\/Hotel-SB-Sant-Feliu-Llobregat-12.jpg&quot;},{&quot;src&quot;:&quot;https:\\\/\\\/www.garciafaura.com\\\/wp-content\\\/uploads\\\/2023\\\/02\\\/Hotel-SB-Sant-Feliu-Llobregat-11.jpg&quot;},{&quot;src&quot;:&quot;https:\\\/\\\/www.garciafaura.com\\\/wp-content\\\/uploads\\\/2023\\\/02\\\/Hotel-SB-Sant-Feliu-Llobregat-10.jpg&quot;},{&quot;src&quot;:&quot;https:\\\/\\\/www.garciafaura.com\\\/wp-content\\\/uploads\\\/2023\\\/02\\\/Hotel-SB-Sant-Feliu-Llobregat-9.jpg&quot;},{&quot;src&quot;:&quot;https:\\\/\\\/www.garciafaura.com\\\/wp-content\\\/uploads\\\/2023\\\/02\\\/Hotel-SB-Sant-Feliu-Llobregat-8.jpg&quot;},{&quot;src&quot;:&quot;https:\\\/\\\/www.garciafaura.com\\\/wp-content\\\/uploads\\\/2023\\\/02\\\/Hotel-SB-Sant-Feliu-Llobregat-7.jpg&quot;},{&quot;src&quot;:&quot;https:\\\/\\\/www.garciafaura.com\\\/wp-content\\\/uploads\\\/2023\\\/02\\\/Hotel-SB-Sant-Feliu-Llobregat-6.jpg&quot;},{&quot;src&quot;:&quot;https:\\\/\\\/www.garciafaura.com\\\/wp-content\\\/uploads\\\/2023\\\/02\\\/Hotel-SB-Sant-Feliu-Llobregat-5.jpg&quot;},{&quot;src&quot;:&quot;https:\\\/\\\/www.garciafaura.com\\\/wp-content\\\/uploads\\\/2023\\\/02\\\/Hotel-SB-Sant-Feliu-Llobregat-4.jpg&quot;},{&quot;src&quot;:&quot;https:\\\/\\\/www.garciafaura.com\\\/wp-content\\\/uploads\\\/2023\\\/02\\\/Hotel-SB-Sant-Feliu-Llobregat-3.jpg&quot;},{&quot;src&quot;:&quot;https:\\\/\\\/www.garciafaura.com\\\/wp-content\\\/uploads\\\/2023\\\/02\\\/Hotel-SB-Sant-Feliu-Llobregat-2.jpg&quot;}]\"><img loading=\"lazy\" decoding=\"async\" data-no-lazy=\"1\" class=\"portfolio-entry-img skip-lazy\" src=\"https:\/\/www.garciafaura.com\/wp-content\/uploads\/2023\/02\/Hotel-SB-Sant-Feliu-Llobregat-16-600x314.jpg\" alt='' data-no-retina width=\"600\" height=\"314\" \/><\/a><\/div><div class=\"portfolio-entry-details entry-details wpex-clr\"><h2 class=\"portfolio-entry-title entry-title\"><a href=\"https:\/\/www.garciafaura.com\/fr\/portfolio-item\/hotel-sb-sant-feliu-de-llobregat\/\" title=\"H\u00f4tel SB Sant Feliu de Llobregat\">H\u00f4tel SB Sant Feliu de Llobregat<\/a><\/h2><div class=\"portfolio-entry-categories entry-categories wpex-clr\"><a href=\"https:\/\/www.garciafaura.com\/fr\/portfolio-category\/facades-remarquables\/\" class=\"term-95\">Fa\u00e7ades Remarquables<\/a><\/div><\/div><\/div><\/div><div class=\"portfolio-entry vcex-grid-item entry-has-details span_1_of_3 col col-2 vcex-isotope-entry vcex-no-margin-entry post-31061 entry type-portfolio has-media cat-93 cat-95 cat-94 cat-96 translation_priority-5\"><div class=\"portfolio-entry-inner entry-inner wpex-clr\"><div class=\"portfolio-entry-media entry-media wpex-clr\"><a href=\"https:\/\/www.garciafaura.com\/wp-content\/uploads\/2022\/11\/Hotel-Bitagora-33.jpg\" title=\"H\u00f4tel Bit\u00e0gora\" class=\"portfolio-entry-media-link wpex-lightbox-gallery\" data-gallery=\"[{&quot;src&quot;:&quot;https:\\\/\\\/www.garciafaura.com\\\/wp-content\\\/uploads\\\/2022\\\/11\\\/Hotel-Bitagora-33.jpg&quot;},{&quot;src&quot;:&quot;https:\\\/\\\/www.garciafaura.com\\\/wp-content\\\/uploads\\\/2022\\\/11\\\/Hotel-Bitagora-44.jpg&quot;},{&quot;src&quot;:&quot;https:\\\/\\\/www.garciafaura.com\\\/wp-content\\\/uploads\\\/2022\\\/11\\\/Hotel-Bitagora-43.jpg&quot;},{&quot;src&quot;:&quot;https:\\\/\\\/www.garciafaura.com\\\/wp-content\\\/uploads\\\/2022\\\/11\\\/Hotel-Bitagora-42.jpg&quot;},{&quot;src&quot;:&quot;https:\\\/\\\/www.garciafaura.com\\\/wp-content\\\/uploads\\\/2022\\\/11\\\/Hotel-Bitagora-41.jpg&quot;},{&quot;src&quot;:&quot;https:\\\/\\\/www.garciafaura.com\\\/wp-content\\\/uploads\\\/2022\\\/11\\\/Hotel-Bitagora-40.jpg&quot;},{&quot;src&quot;:&quot;https:\\\/\\\/www.garciafaura.com\\\/wp-content\\\/uploads\\\/2022\\\/11\\\/Hotel-Bitagora-39.jpg&quot;},{&quot;src&quot;:&quot;https:\\\/\\\/www.garciafaura.com\\\/wp-content\\\/uploads\\\/2022\\\/11\\\/Hotel-Bitagora-38.jpg&quot;},{&quot;src&quot;:&quot;https:\\\/\\\/www.garciafaura.com\\\/wp-content\\\/uploads\\\/2022\\\/11\\\/Hotel-Bitagora-37.jpg&quot;},{&quot;src&quot;:&quot;https:\\\/\\\/www.garciafaura.com\\\/wp-content\\\/uploads\\\/2022\\\/11\\\/Hotel-Bitagora-36.jpg&quot;},{&quot;src&quot;:&quot;https:\\\/\\\/www.garciafaura.com\\\/wp-content\\\/uploads\\\/2022\\\/11\\\/Hotel-Bitagora-35.jpg&quot;},{&quot;src&quot;:&quot;https:\\\/\\\/www.garciafaura.com\\\/wp-content\\\/uploads\\\/2022\\\/11\\\/Hotel-Bitagora-34.jpg&quot;},{&quot;src&quot;:&quot;https:\\\/\\\/www.garciafaura.com\\\/wp-content\\\/uploads\\\/2022\\\/11\\\/Hotel-Bitagora-32.jpg&quot;},{&quot;src&quot;:&quot;https:\\\/\\\/www.garciafaura.com\\\/wp-content\\\/uploads\\\/2022\\\/11\\\/Hotel-Bitagora-31.jpg&quot;},{&quot;src&quot;:&quot;https:\\\/\\\/www.garciafaura.com\\\/wp-content\\\/uploads\\\/2022\\\/11\\\/Hotel-Bitagora-30.jpg&quot;},{&quot;src&quot;:&quot;https:\\\/\\\/www.garciafaura.com\\\/wp-content\\\/uploads\\\/2022\\\/11\\\/Hotel-Bitagora-29.jpg&quot;},{&quot;src&quot;:&quot;https:\\\/\\\/www.garciafaura.com\\\/wp-content\\\/uploads\\\/2022\\\/11\\\/Hotel-Bitagora-28.jpg&quot;},{&quot;src&quot;:&quot;https:\\\/\\\/www.garciafaura.com\\\/wp-content\\\/uploads\\\/2022\\\/11\\\/Hotel-Bitagora-27.jpg&quot;},{&quot;src&quot;:&quot;https:\\\/\\\/www.garciafaura.com\\\/wp-content\\\/uploads\\\/2022\\\/11\\\/Hotel-Bitagora-26.jpg&quot;},{&quot;src&quot;:&quot;https:\\\/\\\/www.garciafaura.com\\\/wp-content\\\/uploads\\\/2022\\\/11\\\/Hotel-Bitagora-25.jpg&quot;},{&quot;src&quot;:&quot;https:\\\/\\\/www.garciafaura.com\\\/wp-content\\\/uploads\\\/2022\\\/11\\\/Hotel-Bitagora-24.jpg&quot;},{&quot;src&quot;:&quot;https:\\\/\\\/www.garciafaura.com\\\/wp-content\\\/uploads\\\/2022\\\/11\\\/Hotel-Bitagora-23.jpg&quot;},{&quot;src&quot;:&quot;https:\\\/\\\/www.garciafaura.com\\\/wp-content\\\/uploads\\\/2022\\\/11\\\/Hotel-Bitagora-22.jpg&quot;},{&quot;src&quot;:&quot;https:\\\/\\\/www.garciafaura.com\\\/wp-content\\\/uploads\\\/2022\\\/11\\\/Hotel-Bitagora-21.jpg&quot;},{&quot;src&quot;:&quot;https:\\\/\\\/www.garciafaura.com\\\/wp-content\\\/uploads\\\/2022\\\/11\\\/Hotel-Bitagora-20.jpg&quot;},{&quot;src&quot;:&quot;https:\\\/\\\/www.garciafaura.com\\\/wp-content\\\/uploads\\\/2022\\\/11\\\/Hotel-Bitagora-19.jpg&quot;},{&quot;src&quot;:&quot;https:\\\/\\\/www.garciafaura.com\\\/wp-content\\\/uploads\\\/2022\\\/11\\\/Hotel-Bitagora-18.jpg&quot;},{&quot;src&quot;:&quot;https:\\\/\\\/www.garciafaura.com\\\/wp-content\\\/uploads\\\/2022\\\/11\\\/Hotel-Bitagora-17.jpg&quot;},{&quot;src&quot;:&quot;https:\\\/\\\/www.garciafaura.com\\\/wp-content\\\/uploads\\\/2022\\\/11\\\/Hotel-Bitagora-16.jpg&quot;},{&quot;src&quot;:&quot;https:\\\/\\\/www.garciafaura.com\\\/wp-content\\\/uploads\\\/2022\\\/11\\\/Hotel-Bitagora-15.jpg&quot;},{&quot;src&quot;:&quot;https:\\\/\\\/www.garciafaura.com\\\/wp-content\\\/uploads\\\/2022\\\/11\\\/Hotel-Bitagora-14.jpg&quot;},{&quot;src&quot;:&quot;https:\\\/\\\/www.garciafaura.com\\\/wp-content\\\/uploads\\\/2022\\\/11\\\/Hotel-Bitagora-13.jpg&quot;},{&quot;src&quot;:&quot;https:\\\/\\\/www.garciafaura.com\\\/wp-content\\\/uploads\\\/2022\\\/11\\\/Hotel-Bitagora-12.jpg&quot;},{&quot;src&quot;:&quot;https:\\\/\\\/www.garciafaura.com\\\/wp-content\\\/uploads\\\/2022\\\/11\\\/Hotel-Bitagora-11.jpg&quot;},{&quot;src&quot;:&quot;https:\\\/\\\/www.garciafaura.com\\\/wp-content\\\/uploads\\\/2022\\\/11\\\/Hotel-Bitagora-10.jpg&quot;},{&quot;src&quot;:&quot;https:\\\/\\\/www.garciafaura.com\\\/wp-content\\\/uploads\\\/2022\\\/11\\\/Hotel-Bitagora-9.jpg&quot;},{&quot;src&quot;:&quot;https:\\\/\\\/www.garciafaura.com\\\/wp-content\\\/uploads\\\/2022\\\/11\\\/Hotel-Bitagora-8.jpg&quot;},{&quot;src&quot;:&quot;https:\\\/\\\/www.garciafaura.com\\\/wp-content\\\/uploads\\\/2022\\\/11\\\/Hotel-Bitagora-7.jpg&quot;},{&quot;src&quot;:&quot;https:\\\/\\\/www.garciafaura.com\\\/wp-content\\\/uploads\\\/2022\\\/11\\\/Hotel-Bitagora-6.jpg&quot;},{&quot;src&quot;:&quot;https:\\\/\\\/www.garciafaura.com\\\/wp-content\\\/uploads\\\/2022\\\/11\\\/Hotel-Bitagora-5.jpg&quot;},{&quot;src&quot;:&quot;https:\\\/\\\/www.garciafaura.com\\\/wp-content\\\/uploads\\\/2022\\\/11\\\/Hotel-Bitagora-4.jpg&quot;},{&quot;src&quot;:&quot;https:\\\/\\\/www.garciafaura.com\\\/wp-content\\\/uploads\\\/2022\\\/11\\\/Hotel-Bitagora-3.jpg&quot;},{&quot;src&quot;:&quot;https:\\\/\\\/www.garciafaura.com\\\/wp-content\\\/uploads\\\/2022\\\/11\\\/Hotel-Bitagora-2.jpg&quot;},{&quot;src&quot;:&quot;https:\\\/\\\/www.garciafaura.com\\\/wp-content\\\/uploads\\\/2022\\\/11\\\/Hotel-Bitagora-1.jpg&quot;}]\"><img loading=\"lazy\" decoding=\"async\" data-no-lazy=\"1\" class=\"portfolio-entry-img skip-lazy\" src=\"https:\/\/www.garciafaura.com\/wp-content\/uploads\/2022\/11\/Hotel-Bitagora-33-600x314.jpg\" alt='' data-no-retina width=\"600\" height=\"314\" \/><\/a><\/div><div class=\"portfolio-entry-details entry-details wpex-clr\"><h2 class=\"portfolio-entry-title entry-title\"><a href=\"https:\/\/www.garciafaura.com\/fr\/portfolio-item\/hotel-a-viladecans\/\" title=\"H\u00f4tel Bit\u00e0gora\">H\u00f4tel Bit\u00e0gora<\/a><\/h2><div class=\"portfolio-entry-categories entry-categories wpex-clr\"><a href=\"https:\/\/www.garciafaura.com\/fr\/portfolio-category\/facades-remarquables\/\" class=\"term-95\">Fa\u00e7ades Remarquables<\/a><\/div><\/div><\/div><\/div><div class=\"portfolio-entry vcex-grid-item entry-has-details span_1_of_3 col col-3 vcex-isotope-entry vcex-no-margin-entry post-30710 entry type-portfolio has-media cat-93 cat-95 cat-90 cat-101 translation_priority-5\"><div class=\"portfolio-entry-inner entry-inner wpex-clr\"><div class=\"portfolio-entry-media entry-media wpex-clr\"><a href=\"https:\/\/www.garciafaura.com\/wp-content\/uploads\/2022\/11\/NaturgyMadrid02.jpg\" title=\"R\u00e9novation du si\u00e8ge de Naturgy Madrid\" class=\"portfolio-entry-media-link wpex-lightbox-gallery\" data-gallery=\"[{&quot;src&quot;:&quot;https:\\\/\\\/www.garciafaura.com\\\/wp-content\\\/uploads\\\/2022\\\/11\\\/NaturgyMadrid02.jpg&quot;},{&quot;src&quot;:&quot;https:\\\/\\\/www.garciafaura.com\\\/wp-content\\\/uploads\\\/2022\\\/11\\\/NaturgyMadrid01.jpg&quot;},{&quot;src&quot;:&quot;https:\\\/\\\/www.garciafaura.com\\\/wp-content\\\/uploads\\\/2022\\\/11\\\/NaturgyMadrid03.jpg&quot;}]\"><img loading=\"lazy\" decoding=\"async\" data-no-lazy=\"1\" class=\"portfolio-entry-img skip-lazy\" src=\"https:\/\/www.garciafaura.com\/wp-content\/uploads\/2022\/11\/NaturgyMadrid02-600x314.jpg\" alt='' data-no-retina width=\"600\" height=\"314\" \/><\/a><\/div><div class=\"portfolio-entry-details entry-details wpex-clr\"><h2 class=\"portfolio-entry-title entry-title\"><a href=\"https:\/\/www.garciafaura.com\/fr\/portfolio-item\/rehabilitacio-seu-naturgy-madrid\/\" title=\"R\u00e9novation du si\u00e8ge de Naturgy Madrid\">R\u00e9novation du si\u00e8ge de Naturgy Madrid<\/a><\/h2><div class=\"portfolio-entry-categories entry-categories wpex-clr\"><a href=\"https:\/\/www.garciafaura.com\/fr\/portfolio-category\/facades-fr\/\" class=\"term-93\">Fa\u00e7ades<\/a><\/div><\/div><\/div><\/div><div class=\"portfolio-entry vcex-grid-item entry-has-details span_1_of_3 col col-1 vcex-isotope-entry vcex-no-margin-entry post-29627 entry type-portfolio has-media cat-69 cat-102 cat-93 cat-95 cat-90 cat-101 translation_priority-5\"><div class=\"portfolio-entry-inner entry-inner wpex-clr\"><div class=\"portfolio-entry-media entry-media wpex-clr\"><a href=\"https:\/\/www.garciafaura.com\/wp-content\/uploads\/2022\/06\/Oficines-Balmes-89-05.jpg\" title=\"R\u00e9novation bureaux rue Balmes\" class=\"portfolio-entry-media-link wpex-lightbox-gallery\" data-gallery=\"[{&quot;src&quot;:&quot;https:\\\/\\\/www.garciafaura.com\\\/wp-content\\\/uploads\\\/2022\\\/06\\\/Oficines-Balmes-89-06.jpg&quot;},{&quot;src&quot;:&quot;https:\\\/\\\/www.garciafaura.com\\\/wp-content\\\/uploads\\\/2022\\\/06\\\/Oficines-Balmes-89-01.jpg&quot;},{&quot;src&quot;:&quot;https:\\\/\\\/www.garciafaura.com\\\/wp-content\\\/uploads\\\/2022\\\/06\\\/Oficines-Balmes-89-31.jpg&quot;},{&quot;src&quot;:&quot;https:\\\/\\\/www.garciafaura.com\\\/wp-content\\\/uploads\\\/2022\\\/06\\\/Oficines-Balmes-89-30.jpg&quot;},{&quot;src&quot;:&quot;https:\\\/\\\/www.garciafaura.com\\\/wp-content\\\/uploads\\\/2022\\\/06\\\/Oficines-Balmes-89-29.jpg&quot;},{&quot;src&quot;:&quot;https:\\\/\\\/www.garciafaura.com\\\/wp-content\\\/uploads\\\/2022\\\/06\\\/Oficines-Balmes-89-28.jpg&quot;},{&quot;src&quot;:&quot;https:\\\/\\\/www.garciafaura.com\\\/wp-content\\\/uploads\\\/2022\\\/06\\\/Oficines-Balmes-89-27.jpg&quot;},{&quot;src&quot;:&quot;https:\\\/\\\/www.garciafaura.com\\\/wp-content\\\/uploads\\\/2022\\\/06\\\/Oficines-Balmes-89-26.jpg&quot;},{&quot;src&quot;:&quot;https:\\\/\\\/www.garciafaura.com\\\/wp-content\\\/uploads\\\/2022\\\/06\\\/Oficines-Balmes-89-25.jpg&quot;},{&quot;src&quot;:&quot;https:\\\/\\\/www.garciafaura.com\\\/wp-content\\\/uploads\\\/2022\\\/06\\\/Oficines-Balmes-89-24.jpg&quot;},{&quot;src&quot;:&quot;https:\\\/\\\/www.garciafaura.com\\\/wp-content\\\/uploads\\\/2022\\\/06\\\/Oficines-Balmes-89-23.jpg&quot;},{&quot;src&quot;:&quot;https:\\\/\\\/www.garciafaura.com\\\/wp-content\\\/uploads\\\/2022\\\/06\\\/Oficines-Balmes-89-22.jpg&quot;},{&quot;src&quot;:&quot;https:\\\/\\\/www.garciafaura.com\\\/wp-content\\\/uploads\\\/2022\\\/06\\\/Oficines-Balmes-89-21.jpg&quot;},{&quot;src&quot;:&quot;https:\\\/\\\/www.garciafaura.com\\\/wp-content\\\/uploads\\\/2022\\\/06\\\/Oficines-Balmes-89-20.jpg&quot;},{&quot;src&quot;:&quot;https:\\\/\\\/www.garciafaura.com\\\/wp-content\\\/uploads\\\/2022\\\/06\\\/Oficines-Balmes-89-19.jpg&quot;},{&quot;src&quot;:&quot;https:\\\/\\\/www.garciafaura.com\\\/wp-content\\\/uploads\\\/2022\\\/06\\\/Oficines-Balmes-89-18.jpg&quot;},{&quot;src&quot;:&quot;https:\\\/\\\/www.garciafaura.com\\\/wp-content\\\/uploads\\\/2022\\\/06\\\/Oficines-Balmes-89-17.jpg&quot;},{&quot;src&quot;:&quot;https:\\\/\\\/www.garciafaura.com\\\/wp-content\\\/uploads\\\/2022\\\/06\\\/Oficines-Balmes-89-16.jpg&quot;},{&quot;src&quot;:&quot;https:\\\/\\\/www.garciafaura.com\\\/wp-content\\\/uploads\\\/2022\\\/06\\\/Oficines-Balmes-89-15.jpg&quot;},{&quot;src&quot;:&quot;https:\\\/\\\/www.garciafaura.com\\\/wp-content\\\/uploads\\\/2022\\\/06\\\/Oficines-Balmes-89-14.jpg&quot;},{&quot;src&quot;:&quot;https:\\\/\\\/www.garciafaura.com\\\/wp-content\\\/uploads\\\/2022\\\/06\\\/Oficines-Balmes-89-13.jpg&quot;},{&quot;src&quot;:&quot;https:\\\/\\\/www.garciafaura.com\\\/wp-content\\\/uploads\\\/2022\\\/06\\\/Oficines-Balmes-89-12.jpg&quot;},{&quot;src&quot;:&quot;https:\\\/\\\/www.garciafaura.com\\\/wp-content\\\/uploads\\\/2022\\\/06\\\/Oficines-Balmes-89-11.jpg&quot;},{&quot;src&quot;:&quot;https:\\\/\\\/www.garciafaura.com\\\/wp-content\\\/uploads\\\/2022\\\/06\\\/Oficines-Balmes-89-10.jpg&quot;},{&quot;src&quot;:&quot;https:\\\/\\\/www.garciafaura.com\\\/wp-content\\\/uploads\\\/2022\\\/06\\\/Oficines-Balmes-89-09.jpg&quot;},{&quot;src&quot;:&quot;https:\\\/\\\/www.garciafaura.com\\\/wp-content\\\/uploads\\\/2022\\\/06\\\/Oficines-Balmes-89-08.jpg&quot;},{&quot;src&quot;:&quot;https:\\\/\\\/www.garciafaura.com\\\/wp-content\\\/uploads\\\/2022\\\/06\\\/Oficines-Balmes-89-07.jpg&quot;},{&quot;src&quot;:&quot;https:\\\/\\\/www.garciafaura.com\\\/wp-content\\\/uploads\\\/2022\\\/06\\\/Oficines-Balmes-89-05.jpg&quot;},{&quot;src&quot;:&quot;https:\\\/\\\/www.garciafaura.com\\\/wp-content\\\/uploads\\\/2022\\\/06\\\/Oficines-Balmes-89-04.jpg&quot;},{&quot;src&quot;:&quot;https:\\\/\\\/www.garciafaura.com\\\/wp-content\\\/uploads\\\/2022\\\/06\\\/Oficines-Balmes-89-03.jpg&quot;},{&quot;src&quot;:&quot;https:\\\/\\\/www.garciafaura.com\\\/wp-content\\\/uploads\\\/2022\\\/06\\\/Oficines-Balmes-89-02.jpg&quot;}]\"><img loading=\"lazy\" decoding=\"async\" data-no-lazy=\"1\" class=\"portfolio-entry-img skip-lazy\" src=\"https:\/\/www.garciafaura.com\/wp-content\/uploads\/2022\/06\/Oficines-Balmes-89-05-600x314.jpg\" alt='' data-no-retina width=\"600\" height=\"314\" \/><\/a><\/div><div class=\"portfolio-entry-details entry-details wpex-clr\"><h2 class=\"portfolio-entry-title entry-title\"><a href=\"https:\/\/www.garciafaura.com\/fr\/portfolio-item\/rehabilitacio-oficines-balmes\/\" title=\"R\u00e9novation bureaux rue Balmes\">R\u00e9novation bureaux rue Balmes<\/a><\/h2><div class=\"portfolio-entry-categories entry-categories wpex-clr\"><a href=\"https:\/\/www.garciafaura.com\/fr\/portfolio-category\/facades-remarquables\/\" class=\"term-95\">Fa\u00e7ades Remarquables<\/a><\/div><\/div><\/div><\/div><div class=\"portfolio-entry vcex-grid-item entry-has-details span_1_of_3 col col-2 vcex-isotope-entry vcex-no-margin-entry post-29364 entry type-portfolio has-media cat-69 cat-93 cat-90 cat-101 translation_priority-5\"><div class=\"portfolio-entry-inner entry-inner wpex-clr\"><div class=\"portfolio-entry-media entry-media wpex-clr\"><a href=\"https:\/\/www.garciafaura.com\/wp-content\/uploads\/2022\/05\/CerroGamos-03a.jpg\" title=\"R\u00e9habilitation Cerro de los Gamos\" class=\"portfolio-entry-media-link wpex-lightbox-gallery\" data-gallery=\"[{&quot;src&quot;:&quot;https:\\\/\\\/www.garciafaura.com\\\/wp-content\\\/uploads\\\/2022\\\/05\\\/CerroGamos-03a.jpg&quot;},{&quot;src&quot;:&quot;https:\\\/\\\/www.garciafaura.com\\\/wp-content\\\/uploads\\\/2022\\\/05\\\/CerroGamos-02a.jpg&quot;},{&quot;src&quot;:&quot;https:\\\/\\\/www.garciafaura.com\\\/wp-content\\\/uploads\\\/2022\\\/05\\\/CerroGamos-01a.jpg&quot;}]\"><img loading=\"lazy\" decoding=\"async\" data-no-lazy=\"1\" class=\"portfolio-entry-img skip-lazy\" src=\"https:\/\/www.garciafaura.com\/wp-content\/uploads\/2022\/05\/CerroGamos-03a-600x314.jpg\" alt='' data-no-retina width=\"600\" height=\"314\" \/><\/a><\/div><div class=\"portfolio-entry-details entry-details wpex-clr\"><h2 class=\"portfolio-entry-title entry-title\"><a href=\"https:\/\/www.garciafaura.com\/fr\/portfolio-item\/rehabilitacion-cerro-de-los-gamos\/\" title=\"R\u00e9habilitation Cerro de los Gamos\">R\u00e9habilitation Cerro de los Gamos<\/a><\/h2><div class=\"portfolio-entry-categories entry-categories wpex-clr\"><a href=\"https:\/\/www.garciafaura.com\/fr\/portfolio-category\/reamenagement\/\" class=\"term-90\">R\u00e9am\u00e9nagement<\/a><\/div><\/div><\/div><\/div><div class=\"portfolio-entry vcex-grid-item entry-has-details span_1_of_3 col col-3 vcex-isotope-entry vcex-no-margin-entry post-28573 entry type-portfolio has-media cat-69 cat-102 cat-93 cat-95 translation_priority-5\"><div class=\"portfolio-entry-inner entry-inner wpex-clr\"><div class=\"portfolio-entry-media entry-media wpex-clr\"><a href=\"https:\/\/www.garciafaura.com\/wp-content\/uploads\/2021\/10\/Oficines-Lidl-Montcada-02.jpg\" title=\"Agrandissement des bureaux de Lidl\" class=\"portfolio-entry-media-link wpex-lightbox-gallery\" data-gallery=\"[{&quot;src&quot;:&quot;https:\\\/\\\/www.garciafaura.com\\\/wp-content\\\/uploads\\\/2021\\\/10\\\/Oficines-Lidl-Montcada-29.jpg&quot;},{&quot;src&quot;:&quot;https:\\\/\\\/www.garciafaura.com\\\/wp-content\\\/uploads\\\/2021\\\/10\\\/Oficines-Lidl-Montcada-28.jpg&quot;},{&quot;src&quot;:&quot;https:\\\/\\\/www.garciafaura.com\\\/wp-content\\\/uploads\\\/2021\\\/10\\\/Oficines-Lidl-Montcada-27.jpg&quot;},{&quot;src&quot;:&quot;https:\\\/\\\/www.garciafaura.com\\\/wp-content\\\/uploads\\\/2021\\\/10\\\/Oficines-Lidl-Montcada-26.jpg&quot;},{&quot;src&quot;:&quot;https:\\\/\\\/www.garciafaura.com\\\/wp-content\\\/uploads\\\/2021\\\/10\\\/Oficines-Lidl-Montcada-25.jpg&quot;},{&quot;src&quot;:&quot;https:\\\/\\\/www.garciafaura.com\\\/wp-content\\\/uploads\\\/2021\\\/10\\\/Oficines-Lidl-Montcada-24.jpg&quot;},{&quot;src&quot;:&quot;https:\\\/\\\/www.garciafaura.com\\\/wp-content\\\/uploads\\\/2021\\\/10\\\/Oficines-Lidl-Montcada-23.jpg&quot;},{&quot;src&quot;:&quot;https:\\\/\\\/www.garciafaura.com\\\/wp-content\\\/uploads\\\/2021\\\/10\\\/Oficines-Lidl-Montcada-22.jpg&quot;},{&quot;src&quot;:&quot;https:\\\/\\\/www.garciafaura.com\\\/wp-content\\\/uploads\\\/2021\\\/10\\\/Oficines-Lidl-Montcada-21.jpg&quot;},{&quot;src&quot;:&quot;https:\\\/\\\/www.garciafaura.com\\\/wp-content\\\/uploads\\\/2021\\\/10\\\/Oficines-Lidl-Montcada-20.jpg&quot;},{&quot;src&quot;:&quot;https:\\\/\\\/www.garciafaura.com\\\/wp-content\\\/uploads\\\/2021\\\/10\\\/Oficines-Lidl-Montcada-19.jpg&quot;},{&quot;src&quot;:&quot;https:\\\/\\\/www.garciafaura.com\\\/wp-content\\\/uploads\\\/2021\\\/10\\\/Oficines-Lidl-Montcada-18.jpg&quot;},{&quot;src&quot;:&quot;https:\\\/\\\/www.garciafaura.com\\\/wp-content\\\/uploads\\\/2021\\\/10\\\/Oficines-Lidl-Montcada-17.jpg&quot;},{&quot;src&quot;:&quot;https:\\\/\\\/www.garciafaura.com\\\/wp-content\\\/uploads\\\/2021\\\/10\\\/Oficines-Lidl-Montcada-16.jpg&quot;},{&quot;src&quot;:&quot;https:\\\/\\\/www.garciafaura.com\\\/wp-content\\\/uploads\\\/2021\\\/10\\\/Oficines-Lidl-Montcada-15.jpg&quot;},{&quot;src&quot;:&quot;https:\\\/\\\/www.garciafaura.com\\\/wp-content\\\/uploads\\\/2021\\\/10\\\/Oficines-Lidl-Montcada-14.jpg&quot;},{&quot;src&quot;:&quot;https:\\\/\\\/www.garciafaura.com\\\/wp-content\\\/uploads\\\/2021\\\/10\\\/Oficines-Lidl-Montcada-13.jpg&quot;},{&quot;src&quot;:&quot;https:\\\/\\\/www.garciafaura.com\\\/wp-content\\\/uploads\\\/2021\\\/10\\\/Oficines-Lidl-Montcada-12.jpg&quot;},{&quot;src&quot;:&quot;https:\\\/\\\/www.garciafaura.com\\\/wp-content\\\/uploads\\\/2021\\\/10\\\/Oficines-Lidl-Montcada-11.jpg&quot;},{&quot;src&quot;:&quot;https:\\\/\\\/www.garciafaura.com\\\/wp-content\\\/uploads\\\/2021\\\/10\\\/Oficines-Lidl-Montcada-10.jpg&quot;},{&quot;src&quot;:&quot;https:\\\/\\\/www.garciafaura.com\\\/wp-content\\\/uploads\\\/2021\\\/10\\\/Oficines-Lidl-Montcada-09.jpg&quot;},{&quot;src&quot;:&quot;https:\\\/\\\/www.garciafaura.com\\\/wp-content\\\/uploads\\\/2021\\\/10\\\/Oficines-Lidl-Montcada-08.jpg&quot;},{&quot;src&quot;:&quot;https:\\\/\\\/www.garciafaura.com\\\/wp-content\\\/uploads\\\/2021\\\/10\\\/Oficines-Lidl-Montcada-07.jpg&quot;},{&quot;src&quot;:&quot;https:\\\/\\\/www.garciafaura.com\\\/wp-content\\\/uploads\\\/2021\\\/10\\\/Oficines-Lidl-Montcada-06.jpg&quot;},{&quot;src&quot;:&quot;https:\\\/\\\/www.garciafaura.com\\\/wp-content\\\/uploads\\\/2021\\\/10\\\/Oficines-Lidl-Montcada-05.jpg&quot;},{&quot;src&quot;:&quot;https:\\\/\\\/www.garciafaura.com\\\/wp-content\\\/uploads\\\/2021\\\/10\\\/Oficines-Lidl-Montcada-04.jpg&quot;},{&quot;src&quot;:&quot;https:\\\/\\\/www.garciafaura.com\\\/wp-content\\\/uploads\\\/2021\\\/10\\\/Oficines-Lidl-Montcada-03.jpg&quot;},{&quot;src&quot;:&quot;https:\\\/\\\/www.garciafaura.com\\\/wp-content\\\/uploads\\\/2021\\\/10\\\/Oficines-Lidl-Montcada-02.jpg&quot;},{&quot;src&quot;:&quot;https:\\\/\\\/www.garciafaura.com\\\/wp-content\\\/uploads\\\/2021\\\/10\\\/Oficines-Lidl-Montcada-01.jpg&quot;}]\"><img loading=\"lazy\" decoding=\"async\" data-no-lazy=\"1\" class=\"portfolio-entry-img skip-lazy\" src=\"https:\/\/www.garciafaura.com\/wp-content\/uploads\/2021\/10\/Oficines-Lidl-Montcada-02-600x314.jpg\" alt='' data-no-retina width=\"600\" height=\"314\" \/><\/a><\/div><div class=\"portfolio-entry-details entry-details wpex-clr\"><h2 class=\"portfolio-entry-title entry-title\"><a href=\"https:\/\/www.garciafaura.com\/fr\/portfolio-item\/ampliacio-oficines-lidl-montcada\/\" title=\"Agrandissement des bureaux de Lidl\">Agrandissement des bureaux de Lidl<\/a><\/h2><div class=\"portfolio-entry-categories entry-categories wpex-clr\"><a href=\"https:\/\/www.garciafaura.com\/fr\/portfolio-category\/batiments-corporatifs\/\" class=\"term-69\">B\u00e2timents Corporatifs<\/a><\/div><\/div><\/div><\/div><div class=\"portfolio-entry vcex-grid-item entry-has-details span_1_of_3 col col-1 vcex-isotope-entry vcex-no-margin-entry post-28299 entry type-portfolio has-media cat-69 cat-93 cat-95 cat-90 cat-101 translation_priority-5\"><div class=\"portfolio-entry-inner entry-inner wpex-clr\"><div class=\"portfolio-entry-media entry-media wpex-clr\"><a href=\"https:\/\/www.garciafaura.com\/wp-content\/uploads\/2021\/08\/ViaPoblados-01a.jpg\" title=\"Bureaux V\u00eda de los Poblados\" class=\"portfolio-entry-media-link wpex-lightbox-gallery\" data-gallery=\"[{&quot;src&quot;:&quot;https:\\\/\\\/www.garciafaura.com\\\/wp-content\\\/uploads\\\/2021\\\/08\\\/ViaPoblados-01a.jpg&quot;},{&quot;src&quot;:&quot;https:\\\/\\\/www.garciafaura.com\\\/wp-content\\\/uploads\\\/2021\\\/08\\\/ViaPoblados-05a.jpg&quot;},{&quot;src&quot;:&quot;https:\\\/\\\/www.garciafaura.com\\\/wp-content\\\/uploads\\\/2021\\\/08\\\/ViaPoblados-04a.jpg&quot;},{&quot;src&quot;:&quot;https:\\\/\\\/www.garciafaura.com\\\/wp-content\\\/uploads\\\/2021\\\/08\\\/ViaPoblados-03a.jpg&quot;},{&quot;src&quot;:&quot;https:\\\/\\\/www.garciafaura.com\\\/wp-content\\\/uploads\\\/2021\\\/08\\\/ViaPoblados-06a.jpg&quot;}]\"><img loading=\"lazy\" decoding=\"async\" data-no-lazy=\"1\" class=\"portfolio-entry-img skip-lazy\" src=\"https:\/\/www.garciafaura.com\/wp-content\/uploads\/2021\/08\/ViaPoblados-01a-600x314.jpg\" alt='' data-no-retina width=\"600\" height=\"314\" \/><\/a><\/div><div class=\"portfolio-entry-details entry-details wpex-clr\"><h2 class=\"portfolio-entry-title entry-title\"><a href=\"https:\/\/www.garciafaura.com\/fr\/portfolio-item\/oficines-via-de-los-poblados\/\" title=\"Bureaux V\u00eda de los Poblados\">Bureaux V\u00eda de los Poblados<\/a><\/h2><div class=\"portfolio-entry-categories entry-categories wpex-clr\"><a href=\"https:\/\/www.garciafaura.com\/fr\/portfolio-category\/facades-remarquables\/\" class=\"term-95\">Fa\u00e7ades Remarquables<\/a><\/div><\/div><\/div><\/div><div class=\"portfolio-entry vcex-grid-item entry-has-details span_1_of_3 col col-2 vcex-isotope-entry vcex-no-margin-entry post-27749 entry type-portfolio has-media cat-69 cat-102 cat-93 cat-95 translation_priority-5\"><div class=\"portfolio-entry-inner entry-inner wpex-clr\"><div class=\"portfolio-entry-media entry-media wpex-clr\"><a href=\"https:\/\/www.garciafaura.com\/wp-content\/uploads\/2021\/07\/Europa-Building-LH-12.jpg\" title=\"B\u00e2timent de bureaux Europa Building L&rsquo;H\" class=\"portfolio-entry-media-link wpex-lightbox-gallery\" data-gallery=\"[{&quot;src&quot;:&quot;https:\\\/\\\/www.garciafaura.com\\\/wp-content\\\/uploads\\\/2021\\\/07\\\/Europa-Building-LH-01.jpg&quot;,&quot;title&quot;:&quot;Europa Building LH&quot;},{&quot;src&quot;:&quot;https:\\\/\\\/www.garciafaura.com\\\/wp-content\\\/uploads\\\/2021\\\/07\\\/Europa-Building-LH-16.jpg&quot;,&quot;title&quot;:&quot;Europa Building LH&quot;},{&quot;src&quot;:&quot;https:\\\/\\\/www.garciafaura.com\\\/wp-content\\\/uploads\\\/2021\\\/07\\\/Europa-Building-LH-15.jpg&quot;,&quot;title&quot;:&quot;Europa Building LH&quot;},{&quot;src&quot;:&quot;https:\\\/\\\/www.garciafaura.com\\\/wp-content\\\/uploads\\\/2021\\\/07\\\/Europa-Building-LH-14.jpg&quot;,&quot;title&quot;:&quot;Europa Building LH&quot;},{&quot;src&quot;:&quot;https:\\\/\\\/www.garciafaura.com\\\/wp-content\\\/uploads\\\/2021\\\/07\\\/Europa-Building-LH-13.jpg&quot;,&quot;title&quot;:&quot;Europa Building LH&quot;},{&quot;src&quot;:&quot;https:\\\/\\\/www.garciafaura.com\\\/wp-content\\\/uploads\\\/2021\\\/07\\\/Europa-Building-LH-12.jpg&quot;,&quot;title&quot;:&quot;Europa Building LH&quot;},{&quot;src&quot;:&quot;https:\\\/\\\/www.garciafaura.com\\\/wp-content\\\/uploads\\\/2021\\\/07\\\/Europa-Building-LH-11.jpg&quot;,&quot;title&quot;:&quot;Europa Building LH&quot;},{&quot;src&quot;:&quot;https:\\\/\\\/www.garciafaura.com\\\/wp-content\\\/uploads\\\/2021\\\/07\\\/Europa-Building-LH-10.jpg&quot;,&quot;title&quot;:&quot;Europa Building LH&quot;},{&quot;src&quot;:&quot;https:\\\/\\\/www.garciafaura.com\\\/wp-content\\\/uploads\\\/2021\\\/07\\\/Europa-Building-LH-09.jpg&quot;,&quot;title&quot;:&quot;Europa Building LH&quot;},{&quot;src&quot;:&quot;https:\\\/\\\/www.garciafaura.com\\\/wp-content\\\/uploads\\\/2021\\\/07\\\/Europa-Building-LH-08.jpg&quot;,&quot;title&quot;:&quot;Europa Building LH&quot;},{&quot;src&quot;:&quot;https:\\\/\\\/www.garciafaura.com\\\/wp-content\\\/uploads\\\/2021\\\/07\\\/Europa-Building-LH-07.jpg&quot;,&quot;title&quot;:&quot;Europa Building LH&quot;},{&quot;src&quot;:&quot;https:\\\/\\\/www.garciafaura.com\\\/wp-content\\\/uploads\\\/2021\\\/07\\\/Europa-Building-LH-06.jpg&quot;,&quot;title&quot;:&quot;Europa Building LH&quot;},{&quot;src&quot;:&quot;https:\\\/\\\/www.garciafaura.com\\\/wp-content\\\/uploads\\\/2021\\\/07\\\/Europa-Building-LH-05.jpg&quot;,&quot;title&quot;:&quot;Europa Building LH&quot;},{&quot;src&quot;:&quot;https:\\\/\\\/www.garciafaura.com\\\/wp-content\\\/uploads\\\/2021\\\/07\\\/Europa-Building-LH-04.jpg&quot;,&quot;title&quot;:&quot;Europa Building LH&quot;},{&quot;src&quot;:&quot;https:\\\/\\\/www.garciafaura.com\\\/wp-content\\\/uploads\\\/2021\\\/07\\\/Europa-Building-LH-03.jpg&quot;,&quot;title&quot;:&quot;Europa Building LH&quot;},{&quot;src&quot;:&quot;https:\\\/\\\/www.garciafaura.com\\\/wp-content\\\/uploads\\\/2021\\\/07\\\/Europa-Building-LH-02.jpg&quot;,&quot;title&quot;:&quot;Europa Building LH&quot;}]\"><img loading=\"lazy\" decoding=\"async\" data-no-lazy=\"1\" class=\"portfolio-entry-img skip-lazy\" src=\"https:\/\/www.garciafaura.com\/wp-content\/uploads\/2021\/07\/Europa-Building-LH-12-600x314.jpg\" alt=\"Europa Building LH\" data-no-retina width=\"600\" height=\"314\" \/><\/a><\/div><div class=\"portfolio-entry-details entry-details wpex-clr\"><h2 class=\"portfolio-entry-title entry-title\"><a href=\"https:\/\/www.garciafaura.com\/fr\/portfolio-item\/edificio-de-oficinas-europa-building-lhospitalet\/\" title=\"B\u00e2timent de bureaux Europa Building L&rsquo;H\">B\u00e2timent de bureaux Europa Building L&rsquo;H<\/a><\/h2><div class=\"portfolio-entry-categories entry-categories wpex-clr\"><a href=\"https:\/\/www.garciafaura.com\/fr\/portfolio-category\/batiments-corporatifs\/\" class=\"term-69\">B\u00e2timents Corporatifs<\/a><\/div><\/div><\/div><\/div><div class=\"portfolio-entry vcex-grid-item entry-has-details span_1_of_3 col col-3 vcex-isotope-entry vcex-no-margin-entry post-27492 entry type-portfolio has-media cat-69 cat-102 cat-93 cat-95 cat-90 cat-101 translation_priority-5\"><div class=\"portfolio-entry-inner entry-inner wpex-clr\"><div class=\"portfolio-entry-media entry-media wpex-clr\"><a href=\"https:\/\/www.garciafaura.com\/wp-content\/uploads\/2021\/05\/Oficines-Diagonal-530-28.jpg\" title=\"Immeuble de bureaux Diagonal 530\" class=\"portfolio-entry-media-link wpex-lightbox-gallery\" data-gallery=\"[{&quot;src&quot;:&quot;https:\\\/\\\/www.garciafaura.com\\\/wp-content\\\/uploads\\\/2021\\\/05\\\/Oficines-Diagonal-530-28.jpg&quot;},{&quot;src&quot;:&quot;https:\\\/\\\/www.garciafaura.com\\\/wp-content\\\/uploads\\\/2021\\\/05\\\/Oficines-Diagonal-530-35.jpg&quot;},{&quot;src&quot;:&quot;https:\\\/\\\/www.garciafaura.com\\\/wp-content\\\/uploads\\\/2021\\\/05\\\/Oficines-Diagonal-530-34.jpg&quot;},{&quot;src&quot;:&quot;https:\\\/\\\/www.garciafaura.com\\\/wp-content\\\/uploads\\\/2021\\\/05\\\/Oficines-Diagonal-530-33.jpg&quot;},{&quot;src&quot;:&quot;https:\\\/\\\/www.garciafaura.com\\\/wp-content\\\/uploads\\\/2021\\\/05\\\/Oficines-Diagonal-530-32.jpg&quot;},{&quot;src&quot;:&quot;https:\\\/\\\/www.garciafaura.com\\\/wp-content\\\/uploads\\\/2021\\\/05\\\/Oficines-Diagonal-530-31.jpg&quot;},{&quot;src&quot;:&quot;https:\\\/\\\/www.garciafaura.com\\\/wp-content\\\/uploads\\\/2021\\\/05\\\/Oficines-Diagonal-530-30.jpg&quot;},{&quot;src&quot;:&quot;https:\\\/\\\/www.garciafaura.com\\\/wp-content\\\/uploads\\\/2021\\\/05\\\/Oficines-Diagonal-530-29.jpg&quot;},{&quot;src&quot;:&quot;https:\\\/\\\/www.garciafaura.com\\\/wp-content\\\/uploads\\\/2021\\\/05\\\/Oficines-Diagonal-530-27.jpg&quot;},{&quot;src&quot;:&quot;https:\\\/\\\/www.garciafaura.com\\\/wp-content\\\/uploads\\\/2021\\\/05\\\/Oficines-Diagonal-530-26.jpg&quot;},{&quot;src&quot;:&quot;https:\\\/\\\/www.garciafaura.com\\\/wp-content\\\/uploads\\\/2021\\\/05\\\/Oficines-Diagonal-530-25.jpg&quot;},{&quot;src&quot;:&quot;https:\\\/\\\/www.garciafaura.com\\\/wp-content\\\/uploads\\\/2021\\\/05\\\/Oficines-Diagonal-530-24.jpg&quot;},{&quot;src&quot;:&quot;https:\\\/\\\/www.garciafaura.com\\\/wp-content\\\/uploads\\\/2021\\\/05\\\/Oficines-Diagonal-530-23.jpg&quot;},{&quot;src&quot;:&quot;https:\\\/\\\/www.garciafaura.com\\\/wp-content\\\/uploads\\\/2021\\\/05\\\/Oficines-Diagonal-530-22.jpg&quot;},{&quot;src&quot;:&quot;https:\\\/\\\/www.garciafaura.com\\\/wp-content\\\/uploads\\\/2021\\\/05\\\/Oficines-Diagonal-530-21.jpg&quot;},{&quot;src&quot;:&quot;https:\\\/\\\/www.garciafaura.com\\\/wp-content\\\/uploads\\\/2021\\\/05\\\/Oficines-Diagonal-530-20.jpg&quot;},{&quot;src&quot;:&quot;https:\\\/\\\/www.garciafaura.com\\\/wp-content\\\/uploads\\\/2021\\\/05\\\/Oficines-Diagonal-530-19.jpg&quot;},{&quot;src&quot;:&quot;https:\\\/\\\/www.garciafaura.com\\\/wp-content\\\/uploads\\\/2021\\\/05\\\/Oficines-Diagonal-530-18.jpg&quot;},{&quot;src&quot;:&quot;https:\\\/\\\/www.garciafaura.com\\\/wp-content\\\/uploads\\\/2021\\\/05\\\/Oficines-Diagonal-530-17.jpg&quot;},{&quot;src&quot;:&quot;https:\\\/\\\/www.garciafaura.com\\\/wp-content\\\/uploads\\\/2021\\\/05\\\/Oficines-Diagonal-530-16.jpg&quot;},{&quot;src&quot;:&quot;https:\\\/\\\/www.garciafaura.com\\\/wp-content\\\/uploads\\\/2021\\\/05\\\/Oficines-Diagonal-530-15.jpg&quot;},{&quot;src&quot;:&quot;https:\\\/\\\/www.garciafaura.com\\\/wp-content\\\/uploads\\\/2021\\\/05\\\/Oficines-Diagonal-530-14.jpg&quot;},{&quot;src&quot;:&quot;https:\\\/\\\/www.garciafaura.com\\\/wp-content\\\/uploads\\\/2021\\\/05\\\/Oficines-Diagonal-530-13.jpg&quot;},{&quot;src&quot;:&quot;https:\\\/\\\/www.garciafaura.com\\\/wp-content\\\/uploads\\\/2021\\\/05\\\/Oficines-Diagonal-530-12.jpg&quot;},{&quot;src&quot;:&quot;https:\\\/\\\/www.garciafaura.com\\\/wp-content\\\/uploads\\\/2021\\\/05\\\/Oficines-Diagonal-530-11.jpg&quot;},{&quot;src&quot;:&quot;https:\\\/\\\/www.garciafaura.com\\\/wp-content\\\/uploads\\\/2021\\\/05\\\/Oficines-Diagonal-530-10.jpg&quot;},{&quot;src&quot;:&quot;https:\\\/\\\/www.garciafaura.com\\\/wp-content\\\/uploads\\\/2021\\\/05\\\/Oficines-Diagonal-530-09.jpg&quot;},{&quot;src&quot;:&quot;https:\\\/\\\/www.garciafaura.com\\\/wp-content\\\/uploads\\\/2021\\\/05\\\/Oficines-Diagonal-530-08.jpg&quot;},{&quot;src&quot;:&quot;https:\\\/\\\/www.garciafaura.com\\\/wp-content\\\/uploads\\\/2021\\\/05\\\/Oficines-Diagonal-530-07.jpg&quot;},{&quot;src&quot;:&quot;https:\\\/\\\/www.garciafaura.com\\\/wp-content\\\/uploads\\\/2021\\\/05\\\/Oficines-Diagonal-530-06.jpg&quot;},{&quot;src&quot;:&quot;https:\\\/\\\/www.garciafaura.com\\\/wp-content\\\/uploads\\\/2021\\\/05\\\/Oficines-Diagonal-530-05.jpg&quot;},{&quot;src&quot;:&quot;https:\\\/\\\/www.garciafaura.com\\\/wp-content\\\/uploads\\\/2021\\\/05\\\/Oficines-Diagonal-530-04.jpg&quot;},{&quot;src&quot;:&quot;https:\\\/\\\/www.garciafaura.com\\\/wp-content\\\/uploads\\\/2021\\\/05\\\/Oficines-Diagonal-530-03.jpg&quot;},{&quot;src&quot;:&quot;https:\\\/\\\/www.garciafaura.com\\\/wp-content\\\/uploads\\\/2021\\\/05\\\/Oficines-Diagonal-530-02.jpg&quot;},{&quot;src&quot;:&quot;https:\\\/\\\/www.garciafaura.com\\\/wp-content\\\/uploads\\\/2021\\\/05\\\/Oficines-Diagonal-530-01.jpg&quot;}]\"><img loading=\"lazy\" decoding=\"async\" data-no-lazy=\"1\" class=\"portfolio-entry-img skip-lazy\" src=\"https:\/\/www.garciafaura.com\/wp-content\/uploads\/2021\/05\/Oficines-Diagonal-530-28-600x314.jpg\" alt='' data-no-retina width=\"600\" height=\"314\" \/><\/a><\/div><div class=\"portfolio-entry-details entry-details wpex-clr\"><h2 class=\"portfolio-entry-title entry-title\"><a href=\"https:\/\/www.garciafaura.com\/fr\/portfolio-item\/edifici-doficines-diagonal-532\/\" title=\"Immeuble de bureaux Diagonal 530\">Immeuble de bureaux Diagonal 530<\/a><\/h2><div class=\"portfolio-entry-categories entry-categories wpex-clr\"><a href=\"https:\/\/www.garciafaura.com\/fr\/portfolio-category\/facades-remarquables\/\" class=\"term-95\">Fa\u00e7ades Remarquables<\/a><\/div><\/div><\/div><\/div><div class=\"portfolio-entry vcex-grid-item entry-has-details span_1_of_3 col col-1 vcex-isotope-entry vcex-no-margin-entry post-27448 entry type-portfolio has-media cat-75 cat-92 cat-93 cat-95 translation_priority-5\"><div class=\"portfolio-entry-inner entry-inner wpex-clr\"><div class=\"portfolio-entry-media entry-media wpex-clr\"><a href=\"https:\/\/www.garciafaura.com\/wp-content\/uploads\/2021\/04\/Edifici-Smart-323-01.jpg\" title=\"B\u00e2timent Smart BCN\" class=\"portfolio-entry-media-link wpex-lightbox\"><img loading=\"lazy\" decoding=\"async\" data-no-lazy=\"1\" class=\"portfolio-entry-img skip-lazy\" src=\"https:\/\/www.garciafaura.com\/wp-content\/uploads\/2021\/04\/Edifici-Smart-323-01-600x314.jpg\" alt='' data-no-retina width=\"600\" height=\"314\" \/><\/a><\/div><div class=\"portfolio-entry-details entry-details wpex-clr\"><h2 class=\"portfolio-entry-title entry-title\"><a href=\"https:\/\/www.garciafaura.com\/fr\/portfolio-item\/edifici-smart-bcn\/\" title=\"B\u00e2timent Smart BCN\">B\u00e2timent Smart BCN<\/a><\/h2><div class=\"portfolio-entry-categories entry-categories wpex-clr\"><a href=\"https:\/\/www.garciafaura.com\/fr\/portfolio-category\/batiments-de-services\/\" class=\"term-75\">B\u00e2timents de Services<\/a><\/div><\/div><\/div><\/div><div class=\"portfolio-entry vcex-grid-item entry-has-details span_1_of_3 col col-2 vcex-isotope-entry vcex-no-margin-entry post-26224 entry type-portfolio has-media cat-69 cat-102 cat-93 cat-95 translation_priority-5\"><div class=\"portfolio-entry-inner entry-inner wpex-clr\"><div class=\"portfolio-entry-media entry-media wpex-clr\"><a href=\"https:\/\/www.garciafaura.com\/wp-content\/uploads\/2021\/01\/Complex-Selva-de-Mar-amb-solete-01.jpg\" title=\"Complexe Selva de Mar\" class=\"portfolio-entry-media-link wpex-lightbox-gallery\" data-gallery=\"[{&quot;src&quot;:&quot;https:\\\/\\\/www.garciafaura.com\\\/wp-content\\\/uploads\\\/2021\\\/01\\\/Complex-Selva-de-Mar-amb-solete-01.jpg&quot;},{&quot;src&quot;:&quot;https:\\\/\\\/www.garciafaura.com\\\/wp-content\\\/uploads\\\/2021\\\/01\\\/Complex-Selva-de-Mar-amb-solete-22.jpg&quot;},{&quot;src&quot;:&quot;https:\\\/\\\/www.garciafaura.com\\\/wp-content\\\/uploads\\\/2021\\\/01\\\/Complex-Selva-de-Mar-amb-solete-21.jpg&quot;},{&quot;src&quot;:&quot;https:\\\/\\\/www.garciafaura.com\\\/wp-content\\\/uploads\\\/2021\\\/01\\\/Complex-Selva-de-Mar-amb-solete-20.jpg&quot;},{&quot;src&quot;:&quot;https:\\\/\\\/www.garciafaura.com\\\/wp-content\\\/uploads\\\/2021\\\/01\\\/Complex-Selva-de-Mar-amb-solete-19.jpg&quot;},{&quot;src&quot;:&quot;https:\\\/\\\/www.garciafaura.com\\\/wp-content\\\/uploads\\\/2021\\\/01\\\/Complex-Selva-de-Mar-amb-solete-18.jpg&quot;},{&quot;src&quot;:&quot;https:\\\/\\\/www.garciafaura.com\\\/wp-content\\\/uploads\\\/2021\\\/01\\\/Complex-Selva-de-Mar-amb-solete-17.jpg&quot;},{&quot;src&quot;:&quot;https:\\\/\\\/www.garciafaura.com\\\/wp-content\\\/uploads\\\/2021\\\/01\\\/Complex-Selva-de-Mar-amb-solete-16.jpg&quot;},{&quot;src&quot;:&quot;https:\\\/\\\/www.garciafaura.com\\\/wp-content\\\/uploads\\\/2021\\\/01\\\/Complex-Selva-de-Mar-amb-solete-15.jpg&quot;},{&quot;src&quot;:&quot;https:\\\/\\\/www.garciafaura.com\\\/wp-content\\\/uploads\\\/2021\\\/01\\\/Complex-Selva-de-Mar-amb-solete-14.jpg&quot;},{&quot;src&quot;:&quot;https:\\\/\\\/www.garciafaura.com\\\/wp-content\\\/uploads\\\/2021\\\/01\\\/Complex-Selva-de-Mar-amb-solete-13.jpg&quot;},{&quot;src&quot;:&quot;https:\\\/\\\/www.garciafaura.com\\\/wp-content\\\/uploads\\\/2021\\\/01\\\/Complex-Selva-de-Mar-amb-solete-12.jpg&quot;},{&quot;src&quot;:&quot;https:\\\/\\\/www.garciafaura.com\\\/wp-content\\\/uploads\\\/2021\\\/01\\\/Complex-Selva-de-Mar-amb-solete-11.jpg&quot;},{&quot;src&quot;:&quot;https:\\\/\\\/www.garciafaura.com\\\/wp-content\\\/uploads\\\/2021\\\/01\\\/Complex-Selva-de-Mar-amb-solete-10.jpg&quot;},{&quot;src&quot;:&quot;https:\\\/\\\/www.garciafaura.com\\\/wp-content\\\/uploads\\\/2021\\\/01\\\/Complex-Selva-de-Mar-amb-solete-09.jpg&quot;},{&quot;src&quot;:&quot;https:\\\/\\\/www.garciafaura.com\\\/wp-content\\\/uploads\\\/2021\\\/01\\\/Complex-Selva-de-Mar-amb-solete-08.jpg&quot;},{&quot;src&quot;:&quot;https:\\\/\\\/www.garciafaura.com\\\/wp-content\\\/uploads\\\/2021\\\/01\\\/Complex-Selva-de-Mar-amb-solete-07.jpg&quot;},{&quot;src&quot;:&quot;https:\\\/\\\/www.garciafaura.com\\\/wp-content\\\/uploads\\\/2021\\\/01\\\/Complex-Selva-de-Mar-amb-solete-06.jpg&quot;},{&quot;src&quot;:&quot;https:\\\/\\\/www.garciafaura.com\\\/wp-content\\\/uploads\\\/2021\\\/01\\\/Complex-Selva-de-Mar-amb-solete-05.jpg&quot;},{&quot;src&quot;:&quot;https:\\\/\\\/www.garciafaura.com\\\/wp-content\\\/uploads\\\/2021\\\/01\\\/Complex-Selva-de-Mar-amb-solete-04.jpg&quot;},{&quot;src&quot;:&quot;https:\\\/\\\/www.garciafaura.com\\\/wp-content\\\/uploads\\\/2021\\\/01\\\/Complex-Selva-de-Mar-amb-solete-03.jpg&quot;},{&quot;src&quot;:&quot;https:\\\/\\\/www.garciafaura.com\\\/wp-content\\\/uploads\\\/2021\\\/01\\\/Complex-Selva-de-Mar-amb-solete-02.jpg&quot;}]\"><img loading=\"lazy\" decoding=\"async\" data-no-lazy=\"1\" class=\"portfolio-entry-img skip-lazy\" src=\"https:\/\/www.garciafaura.com\/wp-content\/uploads\/2021\/01\/Complex-Selva-de-Mar-amb-solete-01-600x314.jpg\" alt='' data-no-retina width=\"600\" height=\"314\" \/><\/a><\/div><div class=\"portfolio-entry-details entry-details wpex-clr\"><h2 class=\"portfolio-entry-title entry-title\"><a href=\"https:\/\/www.garciafaura.com\/fr\/portfolio-item\/complejo-selva-de-mar\/\" title=\"Complexe Selva de Mar\">Complexe Selva de Mar<\/a><\/h2><div class=\"portfolio-entry-categories entry-categories wpex-clr\"><a href=\"https:\/\/www.garciafaura.com\/fr\/portfolio-category\/batiments-corporatifs-remarquables\/\" class=\"term-102\">B\u00e2timents Corporatifs Remarquables<\/a><\/div><\/div><\/div><\/div><div class=\"portfolio-entry vcex-grid-item entry-has-details span_1_of_3 col col-3 vcex-isotope-entry vcex-no-margin-entry post-24705 entry type-portfolio has-media cat-69 cat-93 cat-95 cat-90 cat-101 translation_priority-5\"><div class=\"portfolio-entry-inner entry-inner wpex-clr\"><div class=\"portfolio-entry-media entry-media wpex-clr\"><a href=\"https:\/\/www.garciafaura.com\/wp-content\/uploads\/2020\/01\/Rehabilitacio-Oficines-Diagonal-525-12.jpg\" title=\"R\u00e9habilitation Bureaux Diagonal 525\" class=\"portfolio-entry-media-link wpex-lightbox-gallery\" data-gallery=\"[{&quot;src&quot;:&quot;https:\\\/\\\/www.garciafaura.com\\\/wp-content\\\/uploads\\\/2020\\\/01\\\/Rehabilitacio-Oficines-Diagonal-525-12.jpg&quot;},{&quot;src&quot;:&quot;https:\\\/\\\/www.garciafaura.com\\\/wp-content\\\/uploads\\\/2020\\\/01\\\/Rehabilitacio-Oficines-Diagonal-525-11.jpg&quot;},{&quot;src&quot;:&quot;https:\\\/\\\/www.garciafaura.com\\\/wp-content\\\/uploads\\\/2020\\\/01\\\/Rehabilitacio-Oficines-Diagonal-525-10.jpg&quot;},{&quot;src&quot;:&quot;https:\\\/\\\/www.garciafaura.com\\\/wp-content\\\/uploads\\\/2020\\\/01\\\/Rehabilitacio-Oficines-Diagonal-525-09.jpg&quot;},{&quot;src&quot;:&quot;https:\\\/\\\/www.garciafaura.com\\\/wp-content\\\/uploads\\\/2020\\\/01\\\/Rehabilitacio-Oficines-Diagonal-525-08.jpg&quot;},{&quot;src&quot;:&quot;https:\\\/\\\/www.garciafaura.com\\\/wp-content\\\/uploads\\\/2020\\\/01\\\/Rehabilitacio-Oficines-Diagonal-525-07.jpg&quot;},{&quot;src&quot;:&quot;https:\\\/\\\/www.garciafaura.com\\\/wp-content\\\/uploads\\\/2020\\\/01\\\/Rehabilitacio-Oficines-Diagonal-525-06.jpg&quot;},{&quot;src&quot;:&quot;https:\\\/\\\/www.garciafaura.com\\\/wp-content\\\/uploads\\\/2020\\\/01\\\/Rehabilitacio-Oficines-Diagonal-525-05.jpg&quot;},{&quot;src&quot;:&quot;https:\\\/\\\/www.garciafaura.com\\\/wp-content\\\/uploads\\\/2020\\\/01\\\/Rehabilitacio-Oficines-Diagonal-525-04.jpg&quot;},{&quot;src&quot;:&quot;https:\\\/\\\/www.garciafaura.com\\\/wp-content\\\/uploads\\\/2020\\\/01\\\/Rehabilitacio-Oficines-Diagonal-525-03.jpg&quot;},{&quot;src&quot;:&quot;https:\\\/\\\/www.garciafaura.com\\\/wp-content\\\/uploads\\\/2020\\\/01\\\/Rehabilitacio-Oficines-Diagonal-525-02.jpg&quot;},{&quot;src&quot;:&quot;https:\\\/\\\/www.garciafaura.com\\\/wp-content\\\/uploads\\\/2020\\\/01\\\/Rehabilitacio-Oficines-Diagonal-525-01.jpg&quot;}]\"><img loading=\"lazy\" decoding=\"async\" data-no-lazy=\"1\" class=\"portfolio-entry-img skip-lazy\" src=\"https:\/\/www.garciafaura.com\/wp-content\/uploads\/2020\/01\/Rehabilitacio-Oficines-Diagonal-525-12-600x314.jpg\" alt='' data-no-retina width=\"600\" height=\"314\" \/><\/a><\/div><div class=\"portfolio-entry-details entry-details wpex-clr\"><h2 class=\"portfolio-entry-title entry-title\"><a href=\"https:\/\/www.garciafaura.com\/fr\/portfolio-item\/bureaux-diagonal-525\/\" title=\"R\u00e9habilitation Bureaux Diagonal 525\">R\u00e9habilitation Bureaux Diagonal 525<\/a><\/h2><div class=\"portfolio-entry-categories entry-categories wpex-clr\"><a href=\"https:\/\/www.garciafaura.com\/fr\/portfolio-category\/facades-remarquables\/\" class=\"term-95\">Fa\u00e7ades Remarquables<\/a><\/div><\/div><\/div><\/div><div class=\"portfolio-entry vcex-grid-item entry-has-details span_1_of_3 col col-1 vcex-isotope-entry vcex-no-margin-entry post-23411 entry type-portfolio has-media cat-77 cat-91 cat-93 cat-95 cat-97 cat-98 translation_priority-5\"><div class=\"portfolio-entry-inner entry-inner wpex-clr\"><div class=\"portfolio-entry-media entry-media wpex-clr\"><a href=\"https:\/\/www.garciafaura.com\/wp-content\/uploads\/2019\/09\/Torre-Vitrvm-01.jpg\" title=\"Tour Vitrvm\" class=\"portfolio-entry-media-link wpex-lightbox-gallery\" data-gallery=\"[{&quot;src&quot;:&quot;https:\\\/\\\/www.garciafaura.com\\\/wp-content\\\/uploads\\\/2019\\\/09\\\/Torre-Vitrvm-01.jpg&quot;},{&quot;src&quot;:&quot;https:\\\/\\\/www.garciafaura.com\\\/wp-content\\\/uploads\\\/2019\\\/09\\\/Torre-Vitrvm-16.jpg&quot;},{&quot;src&quot;:&quot;https:\\\/\\\/www.garciafaura.com\\\/wp-content\\\/uploads\\\/2019\\\/09\\\/Torre-Vitrvm-15.jpg&quot;},{&quot;src&quot;:&quot;https:\\\/\\\/www.garciafaura.com\\\/wp-content\\\/uploads\\\/2019\\\/09\\\/Torre-Vitrvm-14.jpg&quot;},{&quot;src&quot;:&quot;https:\\\/\\\/www.garciafaura.com\\\/wp-content\\\/uploads\\\/2019\\\/09\\\/Torre-Vitrvm-13.jpg&quot;},{&quot;src&quot;:&quot;https:\\\/\\\/www.garciafaura.com\\\/wp-content\\\/uploads\\\/2019\\\/09\\\/Torre-Vitrvm-12.jpg&quot;},{&quot;src&quot;:&quot;https:\\\/\\\/www.garciafaura.com\\\/wp-content\\\/uploads\\\/2019\\\/09\\\/Torre-Vitrvm-11.jpg&quot;},{&quot;src&quot;:&quot;https:\\\/\\\/www.garciafaura.com\\\/wp-content\\\/uploads\\\/2019\\\/09\\\/Torre-Vitrvm-10.jpg&quot;},{&quot;src&quot;:&quot;https:\\\/\\\/www.garciafaura.com\\\/wp-content\\\/uploads\\\/2019\\\/09\\\/Torre-Vitrvm-09.jpg&quot;},{&quot;src&quot;:&quot;https:\\\/\\\/www.garciafaura.com\\\/wp-content\\\/uploads\\\/2019\\\/09\\\/Torre-Vitrvm-08.jpg&quot;},{&quot;src&quot;:&quot;https:\\\/\\\/www.garciafaura.com\\\/wp-content\\\/uploads\\\/2019\\\/09\\\/Torre-Vitrvm-07.jpg&quot;},{&quot;src&quot;:&quot;https:\\\/\\\/www.garciafaura.com\\\/wp-content\\\/uploads\\\/2019\\\/09\\\/Torre-Vitrvm-06.jpg&quot;},{&quot;src&quot;:&quot;https:\\\/\\\/www.garciafaura.com\\\/wp-content\\\/uploads\\\/2019\\\/09\\\/Torre-Vitrvm-05.jpg&quot;},{&quot;src&quot;:&quot;https:\\\/\\\/www.garciafaura.com\\\/wp-content\\\/uploads\\\/2019\\\/09\\\/Torre-Vitrvm-04.jpg&quot;},{&quot;src&quot;:&quot;https:\\\/\\\/www.garciafaura.com\\\/wp-content\\\/uploads\\\/2019\\\/09\\\/Torre-Vitrvm-03.jpg&quot;},{&quot;src&quot;:&quot;https:\\\/\\\/www.garciafaura.com\\\/wp-content\\\/uploads\\\/2019\\\/09\\\/Torre-Vitrvm-02.jpg&quot;}]\"><img loading=\"lazy\" decoding=\"async\" data-no-lazy=\"1\" class=\"portfolio-entry-img skip-lazy\" src=\"https:\/\/www.garciafaura.com\/wp-content\/uploads\/2019\/09\/Torre-Vitrvm-01-600x314.jpg\" alt='' data-no-retina width=\"600\" height=\"314\" \/><\/a><\/div><div class=\"portfolio-entry-details entry-details wpex-clr\"><h2 class=\"portfolio-entry-title entry-title\"><a href=\"https:\/\/www.garciafaura.com\/fr\/portfolio-item\/torre-vitrvm\/\" title=\"Tour Vitrvm\">Tour Vitrvm<\/a><\/h2><div class=\"portfolio-entry-categories entry-categories wpex-clr\"><a href=\"https:\/\/www.garciafaura.com\/fr\/portfolio-category\/ensembles-residentiels\/\" class=\"term-77\">Ensembles r\u00e9sidentiels<\/a><\/div><\/div><\/div><\/div><div class=\"portfolio-entry vcex-grid-item entry-has-details span_1_of_3 col col-2 vcex-isotope-entry vcex-no-margin-entry post-23209 entry type-portfolio has-media cat-69 cat-102 cat-93 cat-95 translation_priority-5\"><div class=\"portfolio-entry-inner entry-inner wpex-clr\"><div class=\"portfolio-entry-media entry-media wpex-clr\"><a href=\"https:\/\/www.garciafaura.com\/wp-content\/uploads\/2019\/09\/Ampliacio\u0301-Oficines-Plac\u0327a-Europa-01.jpg\" title=\"Elargissement Bureaux Place Europa\" class=\"portfolio-entry-media-link wpex-lightbox-gallery\" data-gallery=\"[{&quot;src&quot;:&quot;https:\\\/\\\/www.garciafaura.com\\\/wp-content\\\/uploads\\\/2019\\\/09\\\/Ampliacio\\u0301-Oficines-Plac\\u0327a-Europa-01.jpg&quot;},{&quot;src&quot;:&quot;https:\\\/\\\/www.garciafaura.com\\\/wp-content\\\/uploads\\\/2019\\\/09\\\/Ampliacio\\u0301-Oficines-Plac\\u0327a-Europa-15.jpg&quot;},{&quot;src&quot;:&quot;https:\\\/\\\/www.garciafaura.com\\\/wp-content\\\/uploads\\\/2019\\\/09\\\/Ampliacio\\u0301-Oficines-Plac\\u0327a-Europa-14.jpg&quot;},{&quot;src&quot;:&quot;https:\\\/\\\/www.garciafaura.com\\\/wp-content\\\/uploads\\\/2019\\\/09\\\/Ampliacio\\u0301-Oficines-Plac\\u0327a-Europa-13.jpg&quot;},{&quot;src&quot;:&quot;https:\\\/\\\/www.garciafaura.com\\\/wp-content\\\/uploads\\\/2019\\\/09\\\/Ampliacio\\u0301-Oficines-Plac\\u0327a-Europa-12.jpg&quot;},{&quot;src&quot;:&quot;https:\\\/\\\/www.garciafaura.com\\\/wp-content\\\/uploads\\\/2019\\\/09\\\/Ampliacio\\u0301-Oficines-Plac\\u0327a-Europa-11.jpg&quot;},{&quot;src&quot;:&quot;https:\\\/\\\/www.garciafaura.com\\\/wp-content\\\/uploads\\\/2019\\\/09\\\/Ampliacio\\u0301-Oficines-Plac\\u0327a-Europa-10.jpg&quot;},{&quot;src&quot;:&quot;https:\\\/\\\/www.garciafaura.com\\\/wp-content\\\/uploads\\\/2019\\\/09\\\/Ampliacio\\u0301-Oficines-Plac\\u0327a-Europa-09.jpg&quot;},{&quot;src&quot;:&quot;https:\\\/\\\/www.garciafaura.com\\\/wp-content\\\/uploads\\\/2019\\\/09\\\/Ampliacio\\u0301-Oficines-Plac\\u0327a-Europa-08.jpg&quot;},{&quot;src&quot;:&quot;https:\\\/\\\/www.garciafaura.com\\\/wp-content\\\/uploads\\\/2019\\\/09\\\/Ampliacio\\u0301-Oficines-Plac\\u0327a-Europa-07.jpg&quot;},{&quot;src&quot;:&quot;https:\\\/\\\/www.garciafaura.com\\\/wp-content\\\/uploads\\\/2019\\\/09\\\/Ampliacio\\u0301-Oficines-Plac\\u0327a-Europa-06.jpg&quot;},{&quot;src&quot;:&quot;https:\\\/\\\/www.garciafaura.com\\\/wp-content\\\/uploads\\\/2019\\\/09\\\/Ampliacio\\u0301-Oficines-Plac\\u0327a-Europa-05.jpg&quot;},{&quot;src&quot;:&quot;https:\\\/\\\/www.garciafaura.com\\\/wp-content\\\/uploads\\\/2019\\\/09\\\/Ampliacio\\u0301-Oficines-Plac\\u0327a-Europa-04.jpg&quot;},{&quot;src&quot;:&quot;https:\\\/\\\/www.garciafaura.com\\\/wp-content\\\/uploads\\\/2019\\\/09\\\/Ampliacio\\u0301-Oficines-Plac\\u0327a-Europa-03.jpg&quot;},{&quot;src&quot;:&quot;https:\\\/\\\/www.garciafaura.com\\\/wp-content\\\/uploads\\\/2019\\\/09\\\/Ampliacio\\u0301-Oficines-Plac\\u0327a-Europa-02.jpg&quot;}]\"><img loading=\"lazy\" decoding=\"async\" data-no-lazy=\"1\" class=\"portfolio-entry-img skip-lazy\" src=\"https:\/\/www.garciafaura.com\/wp-content\/uploads\/2019\/09\/Ampliacio\u0301-Oficines-Plac\u0327a-Europa-01-600x314.jpg\" alt='' data-no-retina width=\"600\" height=\"314\" \/><\/a><\/div><div class=\"portfolio-entry-details entry-details wpex-clr\"><h2 class=\"portfolio-entry-title entry-title\"><a href=\"https:\/\/www.garciafaura.com\/fr\/portfolio-item\/elargissement-bureaux-placa-europa\/\" title=\"Elargissement Bureaux Place Europa\">Elargissement Bureaux Place Europa<\/a><\/h2><div class=\"portfolio-entry-categories entry-categories wpex-clr\"><a href=\"https:\/\/www.garciafaura.com\/fr\/portfolio-category\/batiments-corporatifs-remarquables\/\" class=\"term-102\">B\u00e2timents Corporatifs Remarquables<\/a><\/div><\/div><\/div><\/div><div class=\"portfolio-entry vcex-grid-item entry-has-details span_1_of_3 col col-3 vcex-isotope-entry vcex-no-margin-entry post-22872 entry type-portfolio has-media cat-75 cat-93 translation_priority-5\"><div class=\"portfolio-entry-inner entry-inner wpex-clr\"><div class=\"portfolio-entry-media entry-media wpex-clr\"><a href=\"https:\/\/www.garciafaura.com\/wp-content\/uploads\/2019\/09\/Poliesportiu-Turo-Peira-01.jpg\" title=\"Centre Sportif Tur\u00f3 de la Peira\" class=\"portfolio-entry-media-link wpex-lightbox-gallery\" data-gallery=\"[{&quot;src&quot;:&quot;https:\\\/\\\/www.garciafaura.com\\\/wp-content\\\/uploads\\\/2019\\\/09\\\/Poliesportiu-Turo-Peira-01.jpg&quot;,&quot;title&quot;:&quot;D\\u00e9veloppement de fa\\u00e7ades et de fermetures m\\u00e9talliques pour ce nouvel \\u00e9quipement sportif de Barcelone, qui int\\u00e8gre de nombreux \\u00e9l\\u00e9ments qui favorisent leur efficacit\\u00e9 \\u00e9nerg\\u00e9tique&quot;},{&quot;src&quot;:&quot;https:\\\/\\\/www.garciafaura.com\\\/wp-content\\\/uploads\\\/2019\\\/09\\\/Poliesportiu-Turo-Peira-12.jpg&quot;,&quot;title&quot;:&quot;D\\u00e9veloppement de fa\\u00e7ades et de fermetures m\\u00e9talliques pour ce nouvel \\u00e9quipement sportif de Barcelone, qui int\\u00e8gre de nombreux \\u00e9l\\u00e9ments qui favorisent leur efficacit\\u00e9 \\u00e9nerg\\u00e9tique&quot;},{&quot;src&quot;:&quot;https:\\\/\\\/www.garciafaura.com\\\/wp-content\\\/uploads\\\/2019\\\/09\\\/Poliesportiu-Turo-Peira-11.jpg&quot;,&quot;title&quot;:&quot;D\\u00e9veloppement de fa\\u00e7ades et de fermetures m\\u00e9talliques pour ce nouvel \\u00e9quipement sportif de Barcelone, qui int\\u00e8gre de nombreux \\u00e9l\\u00e9ments qui favorisent leur efficacit\\u00e9 \\u00e9nerg\\u00e9tique&quot;},{&quot;src&quot;:&quot;https:\\\/\\\/www.garciafaura.com\\\/wp-content\\\/uploads\\\/2019\\\/09\\\/Poliesportiu-Turo-Peira-10.jpg&quot;,&quot;title&quot;:&quot;D\\u00e9veloppement de fa\\u00e7ades et de fermetures m\\u00e9talliques pour ce nouvel \\u00e9quipement sportif de Barcelone, qui int\\u00e8gre de nombreux \\u00e9l\\u00e9ments qui favorisent leur efficacit\\u00e9 \\u00e9nerg\\u00e9tique&quot;},{&quot;src&quot;:&quot;https:\\\/\\\/www.garciafaura.com\\\/wp-content\\\/uploads\\\/2019\\\/09\\\/Poliesportiu-Turo-Peira-09.jpg&quot;,&quot;title&quot;:&quot;D\\u00e9veloppement de fa\\u00e7ades et de fermetures m\\u00e9talliques pour ce nouvel \\u00e9quipement sportif de Barcelone, qui int\\u00e8gre de nombreux \\u00e9l\\u00e9ments qui favorisent leur efficacit\\u00e9 \\u00e9nerg\\u00e9tique&quot;},{&quot;src&quot;:&quot;https:\\\/\\\/www.garciafaura.com\\\/wp-content\\\/uploads\\\/2019\\\/09\\\/Poliesportiu-Turo-Peira-08.jpg&quot;,&quot;title&quot;:&quot;D\\u00e9veloppement de fa\\u00e7ades et de fermetures m\\u00e9talliques pour ce nouvel \\u00e9quipement sportif de Barcelone, qui int\\u00e8gre de nombreux \\u00e9l\\u00e9ments qui favorisent leur efficacit\\u00e9 \\u00e9nerg\\u00e9tique&quot;},{&quot;src&quot;:&quot;https:\\\/\\\/www.garciafaura.com\\\/wp-content\\\/uploads\\\/2019\\\/09\\\/Poliesportiu-Turo-Peira-07.jpg&quot;,&quot;title&quot;:&quot;D\\u00e9veloppement de fa\\u00e7ades et de fermetures m\\u00e9talliques pour ce nouvel \\u00e9quipement sportif de Barcelone, qui int\\u00e8gre de nombreux \\u00e9l\\u00e9ments qui favorisent leur efficacit\\u00e9 \\u00e9nerg\\u00e9tique&quot;},{&quot;src&quot;:&quot;https:\\\/\\\/www.garciafaura.com\\\/wp-content\\\/uploads\\\/2019\\\/09\\\/Poliesportiu-Turo-Peira-06.jpg&quot;,&quot;title&quot;:&quot;D\\u00e9veloppement de fa\\u00e7ades et de fermetures m\\u00e9talliques pour ce nouvel \\u00e9quipement sportif de Barcelone, qui int\\u00e8gre de nombreux \\u00e9l\\u00e9ments qui favorisent leur efficacit\\u00e9 \\u00e9nerg\\u00e9tique&quot;},{&quot;src&quot;:&quot;https:\\\/\\\/www.garciafaura.com\\\/wp-content\\\/uploads\\\/2019\\\/09\\\/Poliesportiu-Turo-Peira-05.jpg&quot;,&quot;title&quot;:&quot;D\\u00e9veloppement de fa\\u00e7ades et de fermetures m\\u00e9talliques pour ce nouvel \\u00e9quipement sportif de Barcelone, qui int\\u00e8gre de nombreux \\u00e9l\\u00e9ments qui favorisent leur efficacit\\u00e9 \\u00e9nerg\\u00e9tique&quot;},{&quot;src&quot;:&quot;https:\\\/\\\/www.garciafaura.com\\\/wp-content\\\/uploads\\\/2019\\\/09\\\/Poliesportiu-Turo-Peira-04.jpg&quot;,&quot;title&quot;:&quot;D\\u00e9veloppement de fa\\u00e7ades et de fermetures m\\u00e9talliques pour ce nouvel \\u00e9quipement sportif de Barcelone, qui int\\u00e8gre de nombreux \\u00e9l\\u00e9ments qui favorisent leur efficacit\\u00e9 \\u00e9nerg\\u00e9tique&quot;},{&quot;src&quot;:&quot;https:\\\/\\\/www.garciafaura.com\\\/wp-content\\\/uploads\\\/2019\\\/09\\\/Poliesportiu-Turo-Peira-03.jpg&quot;,&quot;title&quot;:&quot;D\\u00e9veloppement de fa\\u00e7ades et de fermetures m\\u00e9talliques pour ce nouvel \\u00e9quipement sportif de Barcelone, qui int\\u00e8gre de nombreux \\u00e9l\\u00e9ments qui favorisent leur efficacit\\u00e9 \\u00e9nerg\\u00e9tique&quot;},{&quot;src&quot;:&quot;https:\\\/\\\/www.garciafaura.com\\\/wp-content\\\/uploads\\\/2019\\\/09\\\/Poliesportiu-Turo-Peira-02.jpg&quot;,&quot;title&quot;:&quot;D\\u00e9veloppement de fa\\u00e7ades et de fermetures m\\u00e9talliques pour ce nouvel \\u00e9quipement sportif de Barcelone, qui int\\u00e8gre de nombreux \\u00e9l\\u00e9ments qui favorisent leur efficacit\\u00e9 \\u00e9nerg\\u00e9tique&quot;}]\"><img loading=\"lazy\" decoding=\"async\" data-no-lazy=\"1\" class=\"portfolio-entry-img skip-lazy\" src=\"https:\/\/www.garciafaura.com\/wp-content\/uploads\/2019\/09\/Poliesportiu-Turo-Peira-01-600x314.jpg\" alt=\"D\u00e9veloppement De Fa\u00e7ades Et De Fermetures M\u00e9talliques Pour Ce Nouvel \u00e9quipement Sportif De Barcelone, Qui Int\u00e8gre De Nombreux \u00e9l\u00e9ments Qui Favorisent Leur Efficacit\u00e9 \u00e9nerg\u00e9tique\" data-no-retina width=\"600\" height=\"314\" \/><\/a><\/div><div class=\"portfolio-entry-details entry-details wpex-clr\"><h2 class=\"portfolio-entry-title entry-title\"><a href=\"https:\/\/www.garciafaura.com\/fr\/portfolio-item\/centre-sportif-turo-de-la-peira\/\" title=\"Centre Sportif Tur\u00f3 de la Peira\">Centre Sportif Tur\u00f3 de la Peira<\/a><\/h2><div class=\"portfolio-entry-categories entry-categories wpex-clr\"><a href=\"https:\/\/www.garciafaura.com\/fr\/portfolio-category\/batiments-de-services\/\" class=\"term-75\">B\u00e2timents de Services<\/a><\/div><\/div><\/div><\/div><div class=\"portfolio-entry vcex-grid-item entry-has-details span_1_of_3 col col-1 vcex-isotope-entry vcex-no-margin-entry post-22810 entry type-portfolio has-media cat-92 cat-93 cat-95 cat-96 cat-97 cat-98 translation_priority-5\"><div class=\"portfolio-entry-inner entry-inner wpex-clr\"><div class=\"portfolio-entry-media entry-media wpex-clr\"><a href=\"https:\/\/www.garciafaura.com\/wp-content\/uploads\/2021\/01\/OBH-Luxemburg-08.jpg\" title=\"Bureaux et h\u00f4tel \u00e0 Luxembourg\" class=\"portfolio-entry-media-link wpex-lightbox-gallery\" data-gallery=\"[{&quot;src&quot;:&quot;https:\\\/\\\/www.garciafaura.com\\\/wp-content\\\/uploads\\\/2021\\\/01\\\/OBH-Luxemburg-08.jpg&quot;},{&quot;src&quot;:&quot;https:\\\/\\\/www.garciafaura.com\\\/wp-content\\\/uploads\\\/2021\\\/01\\\/OBH-Luxemburg-07.jpg&quot;},{&quot;src&quot;:&quot;https:\\\/\\\/www.garciafaura.com\\\/wp-content\\\/uploads\\\/2021\\\/01\\\/OBH-Luxemburg-06.jpg&quot;},{&quot;src&quot;:&quot;https:\\\/\\\/www.garciafaura.com\\\/wp-content\\\/uploads\\\/2021\\\/01\\\/OBH-Luxemburg-05.jpg&quot;},{&quot;src&quot;:&quot;https:\\\/\\\/www.garciafaura.com\\\/wp-content\\\/uploads\\\/2021\\\/01\\\/OBH-Luxemburg-04.jpg&quot;},{&quot;src&quot;:&quot;https:\\\/\\\/www.garciafaura.com\\\/wp-content\\\/uploads\\\/2021\\\/01\\\/OBH-Luxemburg-03.jpg&quot;},{&quot;src&quot;:&quot;https:\\\/\\\/www.garciafaura.com\\\/wp-content\\\/uploads\\\/2021\\\/01\\\/OBH-Luxemburg-02.jpg&quot;},{&quot;src&quot;:&quot;https:\\\/\\\/www.garciafaura.com\\\/wp-content\\\/uploads\\\/2021\\\/01\\\/OBH-Luxemburg-01.jpg&quot;}]\"><img loading=\"lazy\" decoding=\"async\" data-no-lazy=\"1\" class=\"portfolio-entry-img skip-lazy\" src=\"https:\/\/www.garciafaura.com\/wp-content\/uploads\/2021\/01\/OBH-Luxemburg-08-600x314.jpg\" alt='' data-no-retina width=\"600\" height=\"314\" \/><\/a><\/div><div class=\"portfolio-entry-details entry-details wpex-clr\"><h2 class=\"portfolio-entry-title entry-title\"><a href=\"https:\/\/www.garciafaura.com\/fr\/portfolio-item\/complex-de-bureaux-et-hotel-a-luxembourg\/\" title=\"Bureaux et h\u00f4tel \u00e0 Luxembourg\">Bureaux et h\u00f4tel \u00e0 Luxembourg<\/a><\/h2><div class=\"portfolio-entry-categories entry-categories wpex-clr\"><a href=\"https:\/\/www.garciafaura.com\/fr\/portfolio-category\/facades-remarquables\/\" class=\"term-95\">Fa\u00e7ades Remarquables<\/a><\/div><\/div><\/div><\/div><div class=\"portfolio-entry vcex-grid-item entry-has-details span_1_of_3 col col-2 vcex-isotope-entry vcex-no-margin-entry post-22774 entry type-portfolio has-media cat-69 cat-93 cat-90 translation_priority-5\"><div class=\"portfolio-entry-inner entry-inner wpex-clr\"><div class=\"portfolio-entry-media entry-media wpex-clr\"><a href=\"https:\/\/www.garciafaura.com\/wp-content\/uploads\/2019\/07\/IMG_2838.jpg\" title=\"R\u00e9habilitation de la Tour Mapfre\" class=\"portfolio-entry-media-link wpex-lightbox-gallery\" data-gallery=\"[{&quot;src&quot;:&quot;https:\\\/\\\/www.garciafaura.com\\\/wp-content\\\/uploads\\\/2019\\\/07\\\/IMG_2838.jpg&quot;},{&quot;src&quot;:&quot;https:\\\/\\\/www.garciafaura.com\\\/wp-content\\\/uploads\\\/2019\\\/07\\\/IMG_2826.jpg&quot;},{&quot;src&quot;:&quot;https:\\\/\\\/www.garciafaura.com\\\/wp-content\\\/uploads\\\/2019\\\/07\\\/IMG_2855.jpg&quot;},{&quot;src&quot;:&quot;https:\\\/\\\/www.garciafaura.com\\\/wp-content\\\/uploads\\\/2019\\\/07\\\/IMG_2853.jpg&quot;},{&quot;src&quot;:&quot;https:\\\/\\\/www.garciafaura.com\\\/wp-content\\\/uploads\\\/2019\\\/07\\\/IMG_2848.jpg&quot;},{&quot;src&quot;:&quot;https:\\\/\\\/www.garciafaura.com\\\/wp-content\\\/uploads\\\/2019\\\/07\\\/IMG_2846.jpg&quot;},{&quot;src&quot;:&quot;https:\\\/\\\/www.garciafaura.com\\\/wp-content\\\/uploads\\\/2019\\\/07\\\/IMG_2845.jpg&quot;},{&quot;src&quot;:&quot;https:\\\/\\\/www.garciafaura.com\\\/wp-content\\\/uploads\\\/2019\\\/07\\\/IMG_2843.jpg&quot;},{&quot;src&quot;:&quot;https:\\\/\\\/www.garciafaura.com\\\/wp-content\\\/uploads\\\/2019\\\/07\\\/IMG_2842.jpg&quot;},{&quot;src&quot;:&quot;https:\\\/\\\/www.garciafaura.com\\\/wp-content\\\/uploads\\\/2019\\\/07\\\/IMG_2839.jpg&quot;},{&quot;src&quot;:&quot;https:\\\/\\\/www.garciafaura.com\\\/wp-content\\\/uploads\\\/2019\\\/07\\\/IMG_2833.jpg&quot;}]\"><img loading=\"lazy\" decoding=\"async\" data-no-lazy=\"1\" class=\"portfolio-entry-img skip-lazy\" src=\"https:\/\/www.garciafaura.com\/wp-content\/uploads\/2019\/07\/IMG_2838-600x314.jpg\" alt='' data-no-retina width=\"600\" height=\"314\" \/><\/a><\/div><div class=\"portfolio-entry-details entry-details wpex-clr\"><h2 class=\"portfolio-entry-title entry-title\"><a href=\"https:\/\/www.garciafaura.com\/fr\/portfolio-item\/rehabilitation-de-la-tour-mapfre\/\" title=\"R\u00e9habilitation de la Tour Mapfre\">R\u00e9habilitation de la Tour Mapfre<\/a><\/h2><div class=\"portfolio-entry-categories entry-categories wpex-clr\"><a href=\"https:\/\/www.garciafaura.com\/fr\/portfolio-category\/batiments-corporatifs\/\" class=\"term-69\">B\u00e2timents Corporatifs<\/a><\/div><\/div><\/div><\/div><div class=\"portfolio-entry vcex-grid-item entry-has-details span_1_of_3 col col-3 vcex-isotope-entry vcex-no-margin-entry post-21902 entry type-portfolio has-media cat-69 cat-93 cat-90 cat-101 translation_priority-5\"><div class=\"portfolio-entry-inner entry-inner wpex-clr\"><div class=\"portfolio-entry-media entry-media wpex-clr\"><a href=\"https:\/\/www.garciafaura.com\/wp-content\/uploads\/2018\/10\/Rehabilitacio-Fac\u0327ana-Agbar-Collblanc-04.jpg\" title=\"Restauration b\u00e2timent Aig\u00fces de Barcelona\" class=\"portfolio-entry-media-link wpex-lightbox-gallery\" data-gallery=\"[{&quot;src&quot;:&quot;https:\\\/\\\/www.garciafaura.com\\\/wp-content\\\/uploads\\\/2018\\\/10\\\/Rehabilitacio-Fac\\u0327ana-Agbar-Collblanc-06.jpg&quot;,&quot;title&quot;:&quot;Restauration de la fa\\u00e7ade pour augmenter l&#039;efficacit\\u00e9 \\u00e9nerg\\u00e9tique du b\\u00e2timent.&quot;},{&quot;src&quot;:&quot;https:\\\/\\\/www.garciafaura.com\\\/wp-content\\\/uploads\\\/2018\\\/10\\\/Rehabilitacio-Fac\\u0327ana-Agbar-Collblanc-05.jpg&quot;,&quot;title&quot;:&quot;Restauration de la fa\\u00e7ade pour augmenter l&#039;efficacit\\u00e9 \\u00e9nerg\\u00e9tique du b\\u00e2timent.&quot;},{&quot;src&quot;:&quot;https:\\\/\\\/www.garciafaura.com\\\/wp-content\\\/uploads\\\/2018\\\/10\\\/Rehabilitacio-Fac\\u0327ana-Agbar-Collblanc-04.jpg&quot;,&quot;title&quot;:&quot;Restauration de la fa\\u00e7ade pour augmenter l&#039;efficacit\\u00e9 \\u00e9nerg\\u00e9tique du b\\u00e2timent.&quot;},{&quot;src&quot;:&quot;https:\\\/\\\/www.garciafaura.com\\\/wp-content\\\/uploads\\\/2018\\\/10\\\/Rehabilitacio-Fac\\u0327ana-Agbar-Collblanc-03.jpg&quot;,&quot;title&quot;:&quot;Restauration de la fa\\u00e7ade pour augmenter l&#039;efficacit\\u00e9 \\u00e9nerg\\u00e9tique du b\\u00e2timent.&quot;},{&quot;src&quot;:&quot;https:\\\/\\\/www.garciafaura.com\\\/wp-content\\\/uploads\\\/2018\\\/10\\\/Rehabilitacio-Fac\\u0327ana-Agbar-Collblanc-02.jpg&quot;,&quot;title&quot;:&quot;Restauration de la fa\\u00e7ade pour augmenter l&#039;efficacit\\u00e9 \\u00e9nerg\\u00e9tique du b\\u00e2timent.&quot;},{&quot;src&quot;:&quot;https:\\\/\\\/www.garciafaura.com\\\/wp-content\\\/uploads\\\/2018\\\/10\\\/Rehabilitacio-Fac\\u0327ana-Agbar-Collblanc-01.jpg&quot;,&quot;title&quot;:&quot;Restauration de la fa\\u00e7ade pour augmenter l&#039;efficacit\\u00e9 \\u00e9nerg\\u00e9tique du b\\u00e2timent.&quot;},{&quot;src&quot;:&quot;https:\\\/\\\/www.garciafaura.com\\\/wp-content\\\/uploads\\\/2018\\\/10\\\/Rehabilitacio-Fac\\u0327ana-Agbar-Collblanc-07.jpg&quot;,&quot;title&quot;:&quot;Restauration de la fa\\u00e7ade pour augmenter l&#039;efficacit\\u00e9 \\u00e9nerg\\u00e9tique du b\\u00e2timent.&quot;}]\"><img loading=\"lazy\" decoding=\"async\" data-no-lazy=\"1\" class=\"portfolio-entry-img skip-lazy\" src=\"https:\/\/www.garciafaura.com\/wp-content\/uploads\/2018\/10\/Rehabilitacio-Fac\u0327ana-Agbar-Collblanc-04-600x314.jpg\" alt=\"Restauration De La Fa\u00e7ade Pour Augmenter L'efficacit\u00e9 \u00e9nerg\u00e9tique Du B\u00e2timent.\" data-no-retina width=\"600\" height=\"314\" \/><\/a><\/div><div class=\"portfolio-entry-details entry-details wpex-clr\"><h2 class=\"portfolio-entry-title entry-title\"><a href=\"https:\/\/www.garciafaura.com\/fr\/portfolio-item\/rehabilitacio-edifici-aigues-de-barcelona\/\" title=\"Restauration b\u00e2timent Aig\u00fces de Barcelona\">Restauration b\u00e2timent Aig\u00fces de Barcelona<\/a><\/h2><div class=\"portfolio-entry-categories entry-categories wpex-clr\"><a href=\"https:\/\/www.garciafaura.com\/fr\/portfolio-category\/batiments-corporatifs\/\" class=\"term-69\">B\u00e2timents Corporatifs<\/a><\/div><\/div><\/div><\/div><div class=\"portfolio-entry vcex-grid-item entry-has-details span_1_of_3 col col-1 vcex-isotope-entry vcex-no-margin-entry post-21497 entry type-portfolio has-media cat-69 cat-102 cat-93 translation_priority-5\"><div class=\"portfolio-entry-inner entry-inner wpex-clr\"><div class=\"portfolio-entry-media entry-media wpex-clr\"><a href=\"https:\/\/www.garciafaura.com\/wp-content\/uploads\/2019\/04\/Oficines-Sancho-de-A\u0301vila-65-03.jpg\" title=\"Bureaux Sancho de \u00c1vila 65\" class=\"portfolio-entry-media-link wpex-lightbox-gallery\" data-gallery=\"[{&quot;src&quot;:&quot;https:\\\/\\\/www.garciafaura.com\\\/wp-content\\\/uploads\\\/2019\\\/04\\\/Oficines-Sancho-de-A\\u0301vila-65-03.jpg&quot;},{&quot;src&quot;:&quot;https:\\\/\\\/www.garciafaura.com\\\/wp-content\\\/uploads\\\/2019\\\/04\\\/Oficines-Sancho-de-A\\u0301vila-65-01.jpg&quot;},{&quot;src&quot;:&quot;https:\\\/\\\/www.garciafaura.com\\\/wp-content\\\/uploads\\\/2019\\\/04\\\/Oficines-Sancho-de-A\\u0301vila-65-11.jpg&quot;},{&quot;src&quot;:&quot;https:\\\/\\\/www.garciafaura.com\\\/wp-content\\\/uploads\\\/2019\\\/04\\\/Oficines-Sancho-de-A\\u0301vila-65-10.jpg&quot;},{&quot;src&quot;:&quot;https:\\\/\\\/www.garciafaura.com\\\/wp-content\\\/uploads\\\/2019\\\/04\\\/Oficines-Sancho-de-A\\u0301vila-65-09.jpg&quot;},{&quot;src&quot;:&quot;https:\\\/\\\/www.garciafaura.com\\\/wp-content\\\/uploads\\\/2019\\\/04\\\/Oficines-Sancho-de-A\\u0301vila-65-08.jpg&quot;},{&quot;src&quot;:&quot;https:\\\/\\\/www.garciafaura.com\\\/wp-content\\\/uploads\\\/2019\\\/04\\\/Oficines-Sancho-de-A\\u0301vila-65-07.jpg&quot;},{&quot;src&quot;:&quot;https:\\\/\\\/www.garciafaura.com\\\/wp-content\\\/uploads\\\/2019\\\/04\\\/Oficines-Sancho-de-A\\u0301vila-65-06.jpg&quot;},{&quot;src&quot;:&quot;https:\\\/\\\/www.garciafaura.com\\\/wp-content\\\/uploads\\\/2019\\\/04\\\/Oficines-Sancho-de-A\\u0301vila-65-05.jpg&quot;},{&quot;src&quot;:&quot;https:\\\/\\\/www.garciafaura.com\\\/wp-content\\\/uploads\\\/2019\\\/04\\\/Oficines-Sancho-de-A\\u0301vila-65-04.jpg&quot;},{&quot;src&quot;:&quot;https:\\\/\\\/www.garciafaura.com\\\/wp-content\\\/uploads\\\/2019\\\/04\\\/Oficines-Sancho-de-A\\u0301vila-65-02.jpg&quot;}]\"><img loading=\"lazy\" decoding=\"async\" data-no-lazy=\"1\" class=\"portfolio-entry-img skip-lazy\" src=\"https:\/\/www.garciafaura.com\/wp-content\/uploads\/2019\/04\/Oficines-Sancho-de-A\u0301vila-65-03-600x314.jpg\" alt='' data-no-retina width=\"600\" height=\"314\" \/><\/a><\/div><div class=\"portfolio-entry-details entry-details wpex-clr\"><h2 class=\"portfolio-entry-title entry-title\"><a href=\"https:\/\/www.garciafaura.com\/fr\/portfolio-item\/bureaux-sancho-de-avila-65\/\" title=\"Bureaux Sancho de \u00c1vila 65\">Bureaux Sancho de \u00c1vila 65<\/a><\/h2><div class=\"portfolio-entry-categories entry-categories wpex-clr\"><a href=\"https:\/\/www.garciafaura.com\/fr\/portfolio-category\/batiments-corporatifs-remarquables\/\" class=\"term-102\">B\u00e2timents Corporatifs Remarquables<\/a><\/div><\/div><\/div><\/div><div class=\"portfolio-entry vcex-grid-item entry-has-details span_1_of_3 col col-2 vcex-isotope-entry vcex-no-margin-entry post-20732 entry type-portfolio has-media cat-69 cat-102 cat-93 cat-95 cat-90 cat-101 translation_priority-5\"><div class=\"portfolio-entry-inner entry-inner wpex-clr\"><div class=\"portfolio-entry-media entry-media wpex-clr\"><a href=\"https:\/\/www.garciafaura.com\/wp-content\/uploads\/2018\/10\/Oficines-Balmes-04.jpg\" title=\"Bureaux Balmes\" class=\"portfolio-entry-media-link wpex-lightbox-gallery\" data-gallery=\"[{&quot;src&quot;:&quot;https:\\\/\\\/www.garciafaura.com\\\/wp-content\\\/uploads\\\/2018\\\/10\\\/Oficines-Balmes-04.jpg&quot;,&quot;title&quot;:&quot;Fa\\u00e7ade de mur-rideau avec profil\\u00e9s m\\u00e9talliques et modules en aluminium et verre de forme cubique&quot;},{&quot;src&quot;:&quot;https:\\\/\\\/www.garciafaura.com\\\/wp-content\\\/uploads\\\/2018\\\/10\\\/Oficines-Balmes-10.jpg&quot;,&quot;title&quot;:&quot;Fa\\u00e7ana de mur cortina de perfils met\\u00e0l\\u00b7lics i m\\u00f2duls d\\u2019alumini i vidre de forma c\\u00fabica&quot;},{&quot;src&quot;:&quot;https:\\\/\\\/www.garciafaura.com\\\/wp-content\\\/uploads\\\/2018\\\/10\\\/Oficines-Balmes-09.jpg&quot;,&quot;title&quot;:&quot;Fa\\u00e7ana de mur cortina de perfils met\\u00e0l\\u00b7lics i m\\u00f2duls d\\u2019alumini i vidre de forma c\\u00fabica&quot;},{&quot;src&quot;:&quot;https:\\\/\\\/www.garciafaura.com\\\/wp-content\\\/uploads\\\/2018\\\/10\\\/Oficines-Balmes-08.jpg&quot;,&quot;title&quot;:&quot;Fa\\u00e7ana de mur cortina de perfils met\\u00e0l\\u00b7lics i m\\u00f2duls d\\u2019alumini i vidre de forma c\\u00fabica&quot;},{&quot;src&quot;:&quot;https:\\\/\\\/www.garciafaura.com\\\/wp-content\\\/uploads\\\/2018\\\/10\\\/Oficines-Balmes-07.jpg&quot;,&quot;title&quot;:&quot;Fa\\u00e7ana de mur cortina de perfils met\\u00e0l\\u00b7lics i m\\u00f2duls d\\u2019alumini i vidre de forma c\\u00fabica&quot;},{&quot;src&quot;:&quot;https:\\\/\\\/www.garciafaura.com\\\/wp-content\\\/uploads\\\/2018\\\/10\\\/Oficines-Balmes-06.jpg&quot;,&quot;title&quot;:&quot;Fa\\u00e7ana de mur cortina de perfils met\\u00e0l\\u00b7lics i m\\u00f2duls d\\u2019alumini i vidre de forma c\\u00fabica&quot;},{&quot;src&quot;:&quot;https:\\\/\\\/www.garciafaura.com\\\/wp-content\\\/uploads\\\/2018\\\/10\\\/Oficines-Balmes-05.jpg&quot;,&quot;title&quot;:&quot;Fa\\u00e7ana de mur cortina de perfils met\\u00e0l\\u00b7lics i m\\u00f2duls d\\u2019alumini i vidre de forma c\\u00fabica&quot;},{&quot;src&quot;:&quot;https:\\\/\\\/www.garciafaura.com\\\/wp-content\\\/uploads\\\/2018\\\/10\\\/Oficines-Balmes-01.jpg&quot;,&quot;title&quot;:&quot;Fa\\u00e7ana de mur cortina de perfils met\\u00e0l\\u00b7lics i m\\u00f2duls d\\u2019alumini i vidre de forma c\\u00fabica&quot;},{&quot;src&quot;:&quot;https:\\\/\\\/www.garciafaura.com\\\/wp-content\\\/uploads\\\/2018\\\/10\\\/Oficines-Balmes-02.jpg&quot;,&quot;title&quot;:&quot;Fa\\u00e7ana de mur cortina de perfils met\\u00e0l\\u00b7lics i m\\u00f2duls d\\u2019alumini i vidre de forma c\\u00fabica&quot;},{&quot;src&quot;:&quot;https:\\\/\\\/www.garciafaura.com\\\/wp-content\\\/uploads\\\/2018\\\/10\\\/Oficines-Balmes-03.jpg&quot;,&quot;title&quot;:&quot;Fa\\u00e7ana de mur cortina de perfils met\\u00e0l\\u00b7lics i m\\u00f2duls d\\u2019alumini i vidre de forma c\\u00fabica&quot;}]\"><img loading=\"lazy\" decoding=\"async\" data-no-lazy=\"1\" class=\"portfolio-entry-img skip-lazy\" src=\"https:\/\/www.garciafaura.com\/wp-content\/uploads\/2018\/10\/Oficines-Balmes-04-600x314.jpg\" alt=\"Fa\u00e7ade De Mur-rideau Avec Profil\u00e9s M\u00e9talliques Et Modules En Aluminium Et Verre De Forme Cubique\" data-no-retina width=\"600\" height=\"314\" \/><\/a><\/div><div class=\"portfolio-entry-details entry-details wpex-clr\"><h2 class=\"portfolio-entry-title entry-title\"><a href=\"https:\/\/www.garciafaura.com\/fr\/portfolio-item\/bureaux-balmes\/\" title=\"Bureaux Balmes\">Bureaux Balmes<\/a><\/h2><div class=\"portfolio-entry-categories entry-categories wpex-clr\"><a href=\"https:\/\/www.garciafaura.com\/fr\/portfolio-category\/batiments-corporatifs\/\" class=\"term-69\">B\u00e2timents Corporatifs<\/a><\/div><\/div><\/div><\/div><div class=\"portfolio-entry vcex-grid-item entry-has-details span_1_of_3 col col-3 vcex-isotope-entry vcex-no-margin-entry post-20730 entry type-portfolio has-media cat-69 cat-102 cat-93 cat-95 cat-90 cat-101 translation_priority-5\"><div class=\"portfolio-entry-inner entry-inner wpex-clr\"><div class=\"portfolio-entry-media entry-media wpex-clr\"><a href=\"https:\/\/www.garciafaura.com\/wp-content\/uploads\/2018\/10\/Concessionari-Renault-Esplugues-07.jpg\" title=\"Concessionnaire Renault Dacia\" class=\"portfolio-entry-media-link wpex-lightbox-gallery\" data-gallery=\"[{&quot;src&quot;:&quot;https:\\\/\\\/www.garciafaura.com\\\/wp-content\\\/uploads\\\/2018\\\/10\\\/Concessionari-Renault-Esplugues-01.jpg&quot;,&quot;title&quot;:&quot;Nova fa\\u00e7ana d&#039;alumini perforat i mur cortina&quot;},{&quot;src&quot;:&quot;https:\\\/\\\/www.garciafaura.com\\\/wp-content\\\/uploads\\\/2018\\\/10\\\/Concessionari-Renault-Esplugues-18.jpg&quot;,&quot;title&quot;:&quot;Nova fa\\u00e7ana d&#039;alumini perforat i mur cortina&quot;},{&quot;src&quot;:&quot;https:\\\/\\\/www.garciafaura.com\\\/wp-content\\\/uploads\\\/2018\\\/10\\\/Concessionari-Renault-Esplugues-17.jpg&quot;,&quot;title&quot;:&quot;Nova fa\\u00e7ana d&#039;alumini perforat i mur cortina&quot;},{&quot;src&quot;:&quot;https:\\\/\\\/www.garciafaura.com\\\/wp-content\\\/uploads\\\/2018\\\/10\\\/Concessionari-Renault-Esplugues-16.jpg&quot;,&quot;title&quot;:&quot;Nova fa\\u00e7ana d&#039;alumini perforat i mur cortina&quot;},{&quot;src&quot;:&quot;https:\\\/\\\/www.garciafaura.com\\\/wp-content\\\/uploads\\\/2018\\\/10\\\/Concessionari-Renault-Esplugues-15.jpg&quot;,&quot;title&quot;:&quot;Nova fa\\u00e7ana d&#039;alumini perforat i mur cortina&quot;},{&quot;src&quot;:&quot;https:\\\/\\\/www.garciafaura.com\\\/wp-content\\\/uploads\\\/2018\\\/10\\\/Concessionari-Renault-Esplugues-14.jpg&quot;,&quot;title&quot;:&quot;Nova fa\\u00e7ana d&#039;alumini perforat i mur cortina&quot;},{&quot;src&quot;:&quot;https:\\\/\\\/www.garciafaura.com\\\/wp-content\\\/uploads\\\/2018\\\/10\\\/Concessionari-Renault-Esplugues-13.jpg&quot;,&quot;title&quot;:&quot;Nova fa\\u00e7ana d&#039;alumini perforat i mur cortina&quot;},{&quot;src&quot;:&quot;https:\\\/\\\/www.garciafaura.com\\\/wp-content\\\/uploads\\\/2018\\\/10\\\/Concessionari-Renault-Esplugues-12.jpg&quot;,&quot;title&quot;:&quot;Nova fa\\u00e7ana d&#039;alumini perforat i mur cortina&quot;},{&quot;src&quot;:&quot;https:\\\/\\\/www.garciafaura.com\\\/wp-content\\\/uploads\\\/2018\\\/10\\\/Concessionari-Renault-Esplugues-11.jpg&quot;,&quot;title&quot;:&quot;Nova fa\\u00e7ana d&#039;alumini perforat i mur cortina&quot;},{&quot;src&quot;:&quot;https:\\\/\\\/www.garciafaura.com\\\/wp-content\\\/uploads\\\/2018\\\/10\\\/Concessionari-Renault-Esplugues-10.jpg&quot;,&quot;title&quot;:&quot;Nova fa\\u00e7ana d&#039;alumini perforat i mur cortina&quot;},{&quot;src&quot;:&quot;https:\\\/\\\/www.garciafaura.com\\\/wp-content\\\/uploads\\\/2018\\\/10\\\/Concessionari-Renault-Esplugues-09.jpg&quot;,&quot;title&quot;:&quot;Nova fa\\u00e7ana d&#039;alumini perforat i mur cortina&quot;},{&quot;src&quot;:&quot;https:\\\/\\\/www.garciafaura.com\\\/wp-content\\\/uploads\\\/2018\\\/10\\\/Concessionari-Renault-Esplugues-08.jpg&quot;,&quot;title&quot;:&quot;Nova fa\\u00e7ana d&#039;alumini perforat i mur cortina&quot;},{&quot;src&quot;:&quot;https:\\\/\\\/www.garciafaura.com\\\/wp-content\\\/uploads\\\/2018\\\/10\\\/Concessionari-Renault-Esplugues-07.jpg&quot;,&quot;title&quot;:&quot;Nouvelle fa\\u00e7ade en aluminium perfor\\u00e9 et mur-rideau&quot;},{&quot;src&quot;:&quot;https:\\\/\\\/www.garciafaura.com\\\/wp-content\\\/uploads\\\/2018\\\/10\\\/Concessionari-Renault-Esplugues-06.jpg&quot;,&quot;title&quot;:&quot;Nova fa\\u00e7ana d&#039;alumini perforat i mur cortina&quot;},{&quot;src&quot;:&quot;https:\\\/\\\/www.garciafaura.com\\\/wp-content\\\/uploads\\\/2018\\\/10\\\/Concessionari-Renault-Esplugues-05.jpg&quot;,&quot;title&quot;:&quot;Nova fa\\u00e7ana d&#039;alumini perforat i mur cortina&quot;},{&quot;src&quot;:&quot;https:\\\/\\\/www.garciafaura.com\\\/wp-content\\\/uploads\\\/2018\\\/10\\\/Concessionari-Renault-Esplugues-04.jpg&quot;,&quot;title&quot;:&quot;Nova fa\\u00e7ana d&#039;alumini perforat i mur cortina&quot;},{&quot;src&quot;:&quot;https:\\\/\\\/www.garciafaura.com\\\/wp-content\\\/uploads\\\/2018\\\/10\\\/Concessionari-Renault-Esplugues-03.jpg&quot;,&quot;title&quot;:&quot;Nova fa\\u00e7ana d&#039;alumini perforat i mur cortina&quot;},{&quot;src&quot;:&quot;https:\\\/\\\/www.garciafaura.com\\\/wp-content\\\/uploads\\\/2018\\\/10\\\/Concessionari-Renault-Esplugues-02.jpg&quot;,&quot;title&quot;:&quot;Nova fa\\u00e7ana d&#039;alumini perforat i mur cortina&quot;}]\"><img loading=\"lazy\" decoding=\"async\" data-no-lazy=\"1\" class=\"portfolio-entry-img skip-lazy\" src=\"https:\/\/www.garciafaura.com\/wp-content\/uploads\/2018\/10\/Concessionari-Renault-Esplugues-07-600x314.jpg\" alt=\"Nouvelle Fa\u00e7ade En Aluminium Perfor\u00e9 Et Mur-rideau\" data-no-retina width=\"600\" height=\"314\" \/><\/a><\/div><div class=\"portfolio-entry-details entry-details wpex-clr\"><h2 class=\"portfolio-entry-title entry-title\"><a href=\"https:\/\/www.garciafaura.com\/fr\/portfolio-item\/concessionnaire-renault-dacia\/\" title=\"Concessionnaire Renault Dacia\">Concessionnaire Renault Dacia<\/a><\/h2><div class=\"portfolio-entry-categories entry-categories wpex-clr\"><a href=\"https:\/\/www.garciafaura.com\/fr\/portfolio-category\/batiments-corporatifs\/\" class=\"term-69\">B\u00e2timents Corporatifs<\/a><\/div><\/div><\/div><\/div><div class=\"portfolio-entry vcex-grid-item entry-has-details span_1_of_3 col col-1 vcex-isotope-entry vcex-no-margin-entry post-20720 entry type-portfolio has-media cat-69 cat-102 cat-93 cat-95 translation_priority-5\"><div class=\"portfolio-entry-inner entry-inner wpex-clr\"><div class=\"portfolio-entry-media entry-media wpex-clr\"><a href=\"https:\/\/www.garciafaura.com\/wp-content\/uploads\/2018\/10\/Oficines-Diagonal-191-03.jpg\" title=\"Bureaux Diagonal 191\" class=\"portfolio-entry-media-link wpex-lightbox-gallery\" data-gallery=\"[{&quot;src&quot;:&quot;https:\\\/\\\/www.garciafaura.com\\\/wp-content\\\/uploads\\\/2018\\\/10\\\/Oficines-Diagonal-191-01.jpg&quot;,&quot;title&quot;:&quot;Fabricaci\\u00f3 i instal\\u00b7laci\\u00f3 del conjunt de\\u00a0fa\\u00e7ana modular&quot;},{&quot;src&quot;:&quot;https:\\\/\\\/www.garciafaura.com\\\/wp-content\\\/uploads\\\/2018\\\/10\\\/Oficines-Diagonal-191-31.jpg&quot;,&quot;title&quot;:&quot;Fabricaci\\u00f3 i instal\\u00b7laci\\u00f3 del conjunt de\\u00a0fa\\u00e7ana modular&quot;},{&quot;src&quot;:&quot;https:\\\/\\\/www.garciafaura.com\\\/wp-content\\\/uploads\\\/2018\\\/10\\\/Oficines-Diagonal-191-30.jpg&quot;,&quot;title&quot;:&quot;Fabricaci\\u00f3 i instal\\u00b7laci\\u00f3 del conjunt de\\u00a0fa\\u00e7ana modular&quot;},{&quot;src&quot;:&quot;https:\\\/\\\/www.garciafaura.com\\\/wp-content\\\/uploads\\\/2018\\\/10\\\/Oficines-Diagonal-191-29.jpg&quot;,&quot;title&quot;:&quot;Fabricaci\\u00f3 i instal\\u00b7laci\\u00f3 del conjunt de\\u00a0fa\\u00e7ana modular&quot;},{&quot;src&quot;:&quot;https:\\\/\\\/www.garciafaura.com\\\/wp-content\\\/uploads\\\/2018\\\/10\\\/Oficines-Diagonal-191-28.jpg&quot;,&quot;title&quot;:&quot;Fabricaci\\u00f3 i instal\\u00b7laci\\u00f3 del conjunt de\\u00a0fa\\u00e7ana modular&quot;},{&quot;src&quot;:&quot;https:\\\/\\\/www.garciafaura.com\\\/wp-content\\\/uploads\\\/2018\\\/10\\\/Oficines-Diagonal-191-27.jpg&quot;,&quot;title&quot;:&quot;Fabricaci\\u00f3 i instal\\u00b7laci\\u00f3 del conjunt de\\u00a0fa\\u00e7ana modular&quot;},{&quot;src&quot;:&quot;https:\\\/\\\/www.garciafaura.com\\\/wp-content\\\/uploads\\\/2018\\\/10\\\/Oficines-Diagonal-191-26.jpg&quot;,&quot;title&quot;:&quot;Fabricaci\\u00f3 i instal\\u00b7laci\\u00f3 del conjunt de\\u00a0fa\\u00e7ana modular&quot;},{&quot;src&quot;:&quot;https:\\\/\\\/www.garciafaura.com\\\/wp-content\\\/uploads\\\/2018\\\/10\\\/Oficines-Diagonal-191-25.jpg&quot;,&quot;title&quot;:&quot;Fabricaci\\u00f3 i instal\\u00b7laci\\u00f3 del conjunt de\\u00a0fa\\u00e7ana modular&quot;},{&quot;src&quot;:&quot;https:\\\/\\\/www.garciafaura.com\\\/wp-content\\\/uploads\\\/2018\\\/10\\\/Oficines-Diagonal-191-24.jpg&quot;,&quot;title&quot;:&quot;Fabricaci\\u00f3 i instal\\u00b7laci\\u00f3 del conjunt de\\u00a0fa\\u00e7ana modular&quot;},{&quot;src&quot;:&quot;https:\\\/\\\/www.garciafaura.com\\\/wp-content\\\/uploads\\\/2018\\\/10\\\/Oficines-Diagonal-191-23.jpg&quot;,&quot;title&quot;:&quot;Fabricaci\\u00f3 i instal\\u00b7laci\\u00f3 del conjunt de\\u00a0fa\\u00e7ana modular&quot;},{&quot;src&quot;:&quot;https:\\\/\\\/www.garciafaura.com\\\/wp-content\\\/uploads\\\/2018\\\/10\\\/Oficines-Diagonal-191-22.jpg&quot;,&quot;title&quot;:&quot;Fabricaci\\u00f3 i instal\\u00b7laci\\u00f3 del conjunt de\\u00a0fa\\u00e7ana modular&quot;},{&quot;src&quot;:&quot;https:\\\/\\\/www.garciafaura.com\\\/wp-content\\\/uploads\\\/2018\\\/10\\\/Oficines-Diagonal-191-21.jpg&quot;,&quot;title&quot;:&quot;Fabricaci\\u00f3 i instal\\u00b7laci\\u00f3 del conjunt de\\u00a0fa\\u00e7ana modular&quot;},{&quot;src&quot;:&quot;https:\\\/\\\/www.garciafaura.com\\\/wp-content\\\/uploads\\\/2018\\\/10\\\/Oficines-Diagonal-191-20.jpg&quot;,&quot;title&quot;:&quot;Fabricaci\\u00f3 i instal\\u00b7laci\\u00f3 del conjunt de\\u00a0fa\\u00e7ana modular&quot;},{&quot;src&quot;:&quot;https:\\\/\\\/www.garciafaura.com\\\/wp-content\\\/uploads\\\/2018\\\/10\\\/Oficines-Diagonal-191-19.jpg&quot;,&quot;title&quot;:&quot;Fabricaci\\u00f3 i instal\\u00b7laci\\u00f3 del conjunt de\\u00a0fa\\u00e7ana modular&quot;},{&quot;src&quot;:&quot;https:\\\/\\\/www.garciafaura.com\\\/wp-content\\\/uploads\\\/2018\\\/10\\\/Oficines-Diagonal-191-18.jpg&quot;,&quot;title&quot;:&quot;Fabricaci\\u00f3 i instal\\u00b7laci\\u00f3 del conjunt de\\u00a0fa\\u00e7ana modular&quot;},{&quot;src&quot;:&quot;https:\\\/\\\/www.garciafaura.com\\\/wp-content\\\/uploads\\\/2018\\\/10\\\/Oficines-Diagonal-191-17.jpg&quot;,&quot;title&quot;:&quot;Fabricaci\\u00f3 i instal\\u00b7laci\\u00f3 del conjunt de\\u00a0fa\\u00e7ana modular&quot;},{&quot;src&quot;:&quot;https:\\\/\\\/www.garciafaura.com\\\/wp-content\\\/uploads\\\/2018\\\/10\\\/Oficines-Diagonal-191-16.jpg&quot;,&quot;title&quot;:&quot;Fabricaci\\u00f3 i instal\\u00b7laci\\u00f3 del conjunt de\\u00a0fa\\u00e7ana modular&quot;},{&quot;src&quot;:&quot;https:\\\/\\\/www.garciafaura.com\\\/wp-content\\\/uploads\\\/2018\\\/10\\\/Oficines-Diagonal-191-15.jpg&quot;,&quot;title&quot;:&quot;Fabricaci\\u00f3 i instal\\u00b7laci\\u00f3 del conjunt de\\u00a0fa\\u00e7ana modular&quot;},{&quot;src&quot;:&quot;https:\\\/\\\/www.garciafaura.com\\\/wp-content\\\/uploads\\\/2018\\\/10\\\/Oficines-Diagonal-191-14.jpg&quot;,&quot;title&quot;:&quot;Fabricaci\\u00f3 i instal\\u00b7laci\\u00f3 del conjunt de\\u00a0fa\\u00e7ana modular&quot;},{&quot;src&quot;:&quot;https:\\\/\\\/www.garciafaura.com\\\/wp-content\\\/uploads\\\/2018\\\/10\\\/Oficines-Diagonal-191-13.jpg&quot;,&quot;title&quot;:&quot;Fabricaci\\u00f3 i instal\\u00b7laci\\u00f3 del conjunt de\\u00a0fa\\u00e7ana modular&quot;},{&quot;src&quot;:&quot;https:\\\/\\\/www.garciafaura.com\\\/wp-content\\\/uploads\\\/2018\\\/10\\\/Oficines-Diagonal-191-12.jpg&quot;,&quot;title&quot;:&quot;Fabricaci\\u00f3 i instal\\u00b7laci\\u00f3 del conjunt de\\u00a0fa\\u00e7ana modular&quot;},{&quot;src&quot;:&quot;https:\\\/\\\/www.garciafaura.com\\\/wp-content\\\/uploads\\\/2018\\\/10\\\/Oficines-Diagonal-191-11.jpg&quot;,&quot;title&quot;:&quot;Fabricaci\\u00f3 i instal\\u00b7laci\\u00f3 del conjunt de\\u00a0fa\\u00e7ana modular&quot;},{&quot;src&quot;:&quot;https:\\\/\\\/www.garciafaura.com\\\/wp-content\\\/uploads\\\/2018\\\/10\\\/Oficines-Diagonal-191-10.jpg&quot;,&quot;title&quot;:&quot;Fabricaci\\u00f3 i instal\\u00b7laci\\u00f3 del conjunt de\\u00a0fa\\u00e7ana modular&quot;},{&quot;src&quot;:&quot;https:\\\/\\\/www.garciafaura.com\\\/wp-content\\\/uploads\\\/2018\\\/10\\\/Oficines-Diagonal-191-09.jpg&quot;,&quot;title&quot;:&quot;Fabricaci\\u00f3 i instal\\u00b7laci\\u00f3 del conjunt de\\u00a0fa\\u00e7ana modular&quot;},{&quot;src&quot;:&quot;https:\\\/\\\/www.garciafaura.com\\\/wp-content\\\/uploads\\\/2018\\\/10\\\/Oficines-Diagonal-191-08.jpg&quot;,&quot;title&quot;:&quot;Fabricaci\\u00f3 i instal\\u00b7laci\\u00f3 del conjunt de\\u00a0fa\\u00e7ana modular&quot;},{&quot;src&quot;:&quot;https:\\\/\\\/www.garciafaura.com\\\/wp-content\\\/uploads\\\/2018\\\/10\\\/Oficines-Diagonal-191-07.jpg&quot;,&quot;title&quot;:&quot;Fabricaci\\u00f3 i instal\\u00b7laci\\u00f3 del conjunt de\\u00a0fa\\u00e7ana modular&quot;},{&quot;src&quot;:&quot;https:\\\/\\\/www.garciafaura.com\\\/wp-content\\\/uploads\\\/2018\\\/10\\\/Oficines-Diagonal-191-06.jpg&quot;,&quot;title&quot;:&quot;Fabricaci\\u00f3 i instal\\u00b7laci\\u00f3 del conjunt de\\u00a0fa\\u00e7ana modular&quot;},{&quot;src&quot;:&quot;https:\\\/\\\/www.garciafaura.com\\\/wp-content\\\/uploads\\\/2018\\\/10\\\/Oficines-Diagonal-191-05.jpg&quot;,&quot;title&quot;:&quot;Fabricaci\\u00f3 i instal\\u00b7laci\\u00f3 del conjunt de\\u00a0fa\\u00e7ana modular&quot;},{&quot;src&quot;:&quot;https:\\\/\\\/www.garciafaura.com\\\/wp-content\\\/uploads\\\/2018\\\/10\\\/Oficines-Diagonal-191-04.jpg&quot;,&quot;title&quot;:&quot;Fabricaci\\u00f3 i instal\\u00b7laci\\u00f3 del conjunt de\\u00a0fa\\u00e7ana modular&quot;},{&quot;src&quot;:&quot;https:\\\/\\\/www.garciafaura.com\\\/wp-content\\\/uploads\\\/2018\\\/10\\\/Oficines-Diagonal-191-03.jpg&quot;,&quot;title&quot;:&quot;Fabrication et installation de l&#039;ensemble de fa\\u00e7ade modulaire.&quot;},{&quot;src&quot;:&quot;https:\\\/\\\/www.garciafaura.com\\\/wp-content\\\/uploads\\\/2018\\\/10\\\/Oficines-Diagonal-191-02.jpg&quot;,&quot;title&quot;:&quot;Fabricaci\\u00f3 i instal\\u00b7laci\\u00f3 del conjunt de\\u00a0fa\\u00e7ana modular&quot;}]\"><img loading=\"lazy\" decoding=\"async\" data-no-lazy=\"1\" class=\"portfolio-entry-img skip-lazy\" src=\"https:\/\/www.garciafaura.com\/wp-content\/uploads\/2018\/10\/Oficines-Diagonal-191-03-600x314.jpg\" alt=\"Fabrication Et Installation De L'ensemble De Fa\u00e7ade Modulaire.\" data-no-retina width=\"600\" height=\"314\" \/><\/a><\/div><div class=\"portfolio-entry-details entry-details wpex-clr\"><h2 class=\"portfolio-entry-title entry-title\"><a href=\"https:\/\/www.garciafaura.com\/fr\/portfolio-item\/bureaux-diagonal-191\/\" title=\"Bureaux Diagonal 191\">Bureaux Diagonal 191<\/a><\/h2><div class=\"portfolio-entry-categories entry-categories wpex-clr\"><a href=\"https:\/\/www.garciafaura.com\/fr\/portfolio-category\/batiments-corporatifs\/\" class=\"term-69\">B\u00e2timents Corporatifs<\/a><\/div><\/div><\/div><\/div><div class=\"portfolio-entry vcex-grid-item entry-has-details span_1_of_3 col col-2 vcex-isotope-entry vcex-no-margin-entry post-20699 entry type-portfolio has-media cat-75 cat-92 cat-93 cat-95 translation_priority-5\"><div class=\"portfolio-entry-inner entry-inner wpex-clr\"><div class=\"portfolio-entry-media entry-media wpex-clr\"><a href=\"https:\/\/www.garciafaura.com\/wp-content\/uploads\/2018\/10\/Ampliacio-Facultat-Dret-UB-01.jpg\" title=\"Agrandissement Facult\u00e9 de Droit UB\" class=\"portfolio-entry-media-link wpex-lightbox-gallery\" data-gallery=\"[{&quot;src&quot;:&quot;https:\\\/\\\/www.garciafaura.com\\\/wp-content\\\/uploads\\\/2018\\\/10\\\/Ampliacio-Facultat-Dret-UB-01.jpg&quot;,&quot;title&quot;:&quot;Mur-rideau pour la nouvelle Facult\\u00e9 de Droit de l&#039;Universit\\u00e9 de Barcelone&quot;},{&quot;src&quot;:&quot;https:\\\/\\\/www.garciafaura.com\\\/wp-content\\\/uploads\\\/2018\\\/10\\\/Ampliacio-Facultat-Dret-UB-22.jpg&quot;,&quot;title&quot;:&quot;Mur cortina de\\u00a0la nova Facultat\\u00a0de Dret de la Universitat de Barcelona&quot;},{&quot;src&quot;:&quot;https:\\\/\\\/www.garciafaura.com\\\/wp-content\\\/uploads\\\/2018\\\/10\\\/Ampliacio-Facultat-Dret-UB-21.jpg&quot;,&quot;title&quot;:&quot;Mur cortina de\\u00a0la nova Facultat\\u00a0de Dret de la Universitat de Barcelona&quot;},{&quot;src&quot;:&quot;https:\\\/\\\/www.garciafaura.com\\\/wp-content\\\/uploads\\\/2018\\\/10\\\/Ampliacio-Facultat-Dret-UB-20.jpg&quot;,&quot;title&quot;:&quot;Mur cortina de\\u00a0la nova Facultat\\u00a0de Dret de la Universitat de Barcelona&quot;},{&quot;src&quot;:&quot;https:\\\/\\\/www.garciafaura.com\\\/wp-content\\\/uploads\\\/2018\\\/10\\\/Ampliacio-Facultat-Dret-UB-19.jpg&quot;,&quot;title&quot;:&quot;Mur cortina de\\u00a0la nova Facultat\\u00a0de Dret de la Universitat de Barcelona&quot;},{&quot;src&quot;:&quot;https:\\\/\\\/www.garciafaura.com\\\/wp-content\\\/uploads\\\/2018\\\/10\\\/Ampliacio-Facultat-Dret-UB-18.jpg&quot;,&quot;title&quot;:&quot;Mur cortina de\\u00a0la nova Facultat\\u00a0de Dret de la Universitat de Barcelona&quot;},{&quot;src&quot;:&quot;https:\\\/\\\/www.garciafaura.com\\\/wp-content\\\/uploads\\\/2018\\\/10\\\/Ampliacio-Facultat-Dret-UB-17.jpg&quot;,&quot;title&quot;:&quot;Mur cortina de\\u00a0la nova Facultat\\u00a0de Dret de la Universitat de Barcelona&quot;},{&quot;src&quot;:&quot;https:\\\/\\\/www.garciafaura.com\\\/wp-content\\\/uploads\\\/2018\\\/10\\\/Ampliacio-Facultat-Dret-UB-16.jpg&quot;,&quot;title&quot;:&quot;Mur cortina de\\u00a0la nova Facultat\\u00a0de Dret de la Universitat de Barcelona&quot;},{&quot;src&quot;:&quot;https:\\\/\\\/www.garciafaura.com\\\/wp-content\\\/uploads\\\/2018\\\/10\\\/Ampliacio-Facultat-Dret-UB-15.jpg&quot;,&quot;title&quot;:&quot;Mur cortina de\\u00a0la nova Facultat\\u00a0de Dret de la Universitat de Barcelona&quot;},{&quot;src&quot;:&quot;https:\\\/\\\/www.garciafaura.com\\\/wp-content\\\/uploads\\\/2018\\\/10\\\/Ampliacio-Facultat-Dret-UB-14.jpg&quot;,&quot;title&quot;:&quot;Mur cortina de\\u00a0la nova Facultat\\u00a0de Dret de la Universitat de Barcelona&quot;},{&quot;src&quot;:&quot;https:\\\/\\\/www.garciafaura.com\\\/wp-content\\\/uploads\\\/2018\\\/10\\\/Ampliacio-Facultat-Dret-UB-13.jpg&quot;,&quot;title&quot;:&quot;Mur cortina de\\u00a0la nova Facultat\\u00a0de Dret de la Universitat de Barcelona&quot;},{&quot;src&quot;:&quot;https:\\\/\\\/www.garciafaura.com\\\/wp-content\\\/uploads\\\/2018\\\/10\\\/Ampliacio-Facultat-Dret-UB-12.jpg&quot;,&quot;title&quot;:&quot;Mur cortina de\\u00a0la nova Facultat\\u00a0de Dret de la Universitat de Barcelona&quot;},{&quot;src&quot;:&quot;https:\\\/\\\/www.garciafaura.com\\\/wp-content\\\/uploads\\\/2018\\\/10\\\/Ampliacio-Facultat-Dret-UB-11.jpg&quot;,&quot;title&quot;:&quot;Mur cortina de\\u00a0la nova Facultat\\u00a0de Dret de la Universitat de Barcelona&quot;},{&quot;src&quot;:&quot;https:\\\/\\\/www.garciafaura.com\\\/wp-content\\\/uploads\\\/2018\\\/10\\\/Ampliacio-Facultat-Dret-UB-10.jpg&quot;,&quot;title&quot;:&quot;Mur cortina de\\u00a0la nova Facultat\\u00a0de Dret de la Universitat de Barcelona&quot;},{&quot;src&quot;:&quot;https:\\\/\\\/www.garciafaura.com\\\/wp-content\\\/uploads\\\/2018\\\/10\\\/Ampliacio-Facultat-Dret-UB-09.jpg&quot;,&quot;title&quot;:&quot;Mur cortina de\\u00a0la nova Facultat\\u00a0de Dret de la Universitat de Barcelona&quot;},{&quot;src&quot;:&quot;https:\\\/\\\/www.garciafaura.com\\\/wp-content\\\/uploads\\\/2018\\\/10\\\/Ampliacio-Facultat-Dret-UB-08.jpg&quot;,&quot;title&quot;:&quot;Mur cortina de\\u00a0la nova Facultat\\u00a0de Dret de la Universitat de Barcelona&quot;},{&quot;src&quot;:&quot;https:\\\/\\\/www.garciafaura.com\\\/wp-content\\\/uploads\\\/2018\\\/10\\\/Ampliacio-Facultat-Dret-UB-07.jpg&quot;,&quot;title&quot;:&quot;Mur cortina de\\u00a0la nova Facultat\\u00a0de Dret de la Universitat de Barcelona&quot;},{&quot;src&quot;:&quot;https:\\\/\\\/www.garciafaura.com\\\/wp-content\\\/uploads\\\/2018\\\/10\\\/Ampliacio-Facultat-Dret-UB-06.jpg&quot;,&quot;title&quot;:&quot;Mur cortina de\\u00a0la nova Facultat\\u00a0de Dret de la Universitat de Barcelona&quot;},{&quot;src&quot;:&quot;https:\\\/\\\/www.garciafaura.com\\\/wp-content\\\/uploads\\\/2018\\\/10\\\/Ampliacio-Facultat-Dret-UB-04.jpg&quot;,&quot;title&quot;:&quot;Mur cortina de\\u00a0la nova Facultat\\u00a0de Dret de la Universitat de Barcelona&quot;},{&quot;src&quot;:&quot;https:\\\/\\\/www.garciafaura.com\\\/wp-content\\\/uploads\\\/2018\\\/10\\\/Ampliacio-Facultat-Dret-UB-05.jpg&quot;,&quot;title&quot;:&quot;Mur cortina de\\u00a0la nova Facultat\\u00a0de Dret de la Universitat de Barcelona&quot;},{&quot;src&quot;:&quot;https:\\\/\\\/www.garciafaura.com\\\/wp-content\\\/uploads\\\/2018\\\/10\\\/Ampliacio-Facultat-Dret-UB-03.jpg&quot;,&quot;title&quot;:&quot;Mur cortina de\\u00a0la nova Facultat\\u00a0de Dret de la Universitat de Barcelona&quot;},{&quot;src&quot;:&quot;https:\\\/\\\/www.garciafaura.com\\\/wp-content\\\/uploads\\\/2018\\\/10\\\/Ampliacio-Facultat-Dret-UB-02.jpg&quot;,&quot;title&quot;:&quot;Mur cortina de\\u00a0la nova Facultat\\u00a0de Dret de la Universitat de Barcelona&quot;}]\"><img loading=\"lazy\" decoding=\"async\" data-no-lazy=\"1\" class=\"portfolio-entry-img skip-lazy\" src=\"https:\/\/www.garciafaura.com\/wp-content\/uploads\/2018\/10\/Ampliacio-Facultat-Dret-UB-01-600x314.jpg\" alt=\"Mur-rideau Pour La Nouvelle Facult\u00e9 De Droit De L'Universit\u00e9 De Barcelone\" data-no-retina width=\"600\" height=\"314\" \/><\/a><\/div><div class=\"portfolio-entry-details entry-details wpex-clr\"><h2 class=\"portfolio-entry-title entry-title\"><a href=\"https:\/\/www.garciafaura.com\/fr\/portfolio-item\/agrandissement-faculte-de-droit-ub\/\" title=\"Agrandissement Facult\u00e9 de Droit UB\">Agrandissement Facult\u00e9 de Droit UB<\/a><\/h2><div class=\"portfolio-entry-categories entry-categories wpex-clr\"><a href=\"https:\/\/www.garciafaura.com\/fr\/portfolio-category\/batiments-de-services\/\" class=\"term-75\">B\u00e2timents de Services<\/a><\/div><\/div><\/div><\/div><div class=\"portfolio-entry vcex-grid-item entry-has-details span_1_of_3 col col-3 vcex-isotope-entry vcex-no-margin-entry post-20687 entry type-portfolio has-media cat-69 cat-102 cat-93 cat-95 translation_priority-5\"><div class=\"portfolio-entry-inner entry-inner wpex-clr\"><div class=\"portfolio-entry-media entry-media wpex-clr\"><a href=\"https:\/\/www.garciafaura.com\/wp-content\/uploads\/2018\/10\/Torre-4-Porta-Firal-01.jpg\" title=\"Torre 4 Porta Firal\" class=\"portfolio-entry-media-link wpex-lightbox-gallery\" data-gallery=\"[{&quot;src&quot;:&quot;https:\\\/\\\/www.garciafaura.com\\\/wp-content\\\/uploads\\\/2018\\\/10\\\/Torre-4-Porta-Firal-01.jpg&quot;,&quot;title&quot;:&quot;Ensemble de fa\\u00e7ades et fermetures pour nouveau b\\u00e2timent corporatif&quot;},{&quot;src&quot;:&quot;https:\\\/\\\/www.garciafaura.com\\\/wp-content\\\/uploads\\\/2018\\\/10\\\/Torre-4-Porta-Firal-08.jpg&quot;,&quot;title&quot;:&quot;Conjunt de fa\\u00e7anes\\u00a0i tancaments en nou edifici corporatiu&quot;},{&quot;src&quot;:&quot;https:\\\/\\\/www.garciafaura.com\\\/wp-content\\\/uploads\\\/2018\\\/10\\\/Torre-4-Porta-Firal-07.jpg&quot;,&quot;title&quot;:&quot;Conjunt de fa\\u00e7anes\\u00a0i tancaments en nou edifici corporatiu&quot;},{&quot;src&quot;:&quot;https:\\\/\\\/www.garciafaura.com\\\/wp-content\\\/uploads\\\/2018\\\/10\\\/Torre-4-Porta-Firal-06.jpg&quot;,&quot;title&quot;:&quot;Conjunt de fa\\u00e7anes\\u00a0i tancaments en nou edifici corporatiu&quot;},{&quot;src&quot;:&quot;https:\\\/\\\/www.garciafaura.com\\\/wp-content\\\/uploads\\\/2018\\\/10\\\/Torre-4-Porta-Firal-05.jpg&quot;,&quot;title&quot;:&quot;Conjunt de fa\\u00e7anes\\u00a0i tancaments en nou edifici corporatiu&quot;},{&quot;src&quot;:&quot;https:\\\/\\\/www.garciafaura.com\\\/wp-content\\\/uploads\\\/2018\\\/10\\\/Torre-4-Porta-Firal-04.jpg&quot;,&quot;title&quot;:&quot;Conjunt de fa\\u00e7anes\\u00a0i tancaments en nou edifici corporatiu&quot;},{&quot;src&quot;:&quot;https:\\\/\\\/www.garciafaura.com\\\/wp-content\\\/uploads\\\/2018\\\/10\\\/Torre-4-Porta-Firal-03.jpg&quot;,&quot;title&quot;:&quot;Conjunt de fa\\u00e7anes\\u00a0i tancaments en nou edifici corporatiu&quot;},{&quot;src&quot;:&quot;https:\\\/\\\/www.garciafaura.com\\\/wp-content\\\/uploads\\\/2018\\\/10\\\/Torre-4-Porta-Firal-02.jpg&quot;,&quot;title&quot;:&quot;Conjunt de fa\\u00e7anes\\u00a0i tancaments en nou edifici corporatiu&quot;}]\"><img loading=\"lazy\" decoding=\"async\" data-no-lazy=\"1\" class=\"portfolio-entry-img skip-lazy\" src=\"https:\/\/www.garciafaura.com\/wp-content\/uploads\/2018\/10\/Torre-4-Porta-Firal-01-600x314.jpg\" alt=\"Ensemble De Fa\u00e7ades Et Fermetures Pour Nouveau B\u00e2timent Corporatif\" data-no-retina width=\"600\" height=\"314\" \/><\/a><\/div><div class=\"portfolio-entry-details entry-details wpex-clr\"><h2 class=\"portfolio-entry-title entry-title\"><a href=\"https:\/\/www.garciafaura.com\/fr\/portfolio-item\/torre-4-porta-firal\/\" title=\"Torre 4 Porta Firal\">Torre 4 Porta Firal<\/a><\/h2><div class=\"portfolio-entry-categories entry-categories wpex-clr\"><a href=\"https:\/\/www.garciafaura.com\/fr\/portfolio-category\/batiments-corporatifs\/\" class=\"term-69\">B\u00e2timents Corporatifs<\/a><\/div><\/div><\/div><\/div><div class=\"portfolio-entry vcex-grid-item entry-has-details span_1_of_3 col col-1 vcex-isotope-entry vcex-no-margin-entry post-20674 entry type-portfolio has-media cat-75 cat-93 translation_priority-5\"><div class=\"portfolio-entry-inner entry-inner wpex-clr\"><div class=\"portfolio-entry-media entry-media wpex-clr\"><a href=\"https:\/\/www.garciafaura.com\/wp-content\/uploads\/2018\/09\/Supermecat-Premia-Mar-07.jpg\" title=\"Centre Commercial Sorli\" class=\"portfolio-entry-media-link wpex-lightbox-gallery\" data-gallery=\"[{&quot;src&quot;:&quot;https:\\\/\\\/www.garciafaura.com\\\/wp-content\\\/uploads\\\/2018\\\/09\\\/Supermecat-Premia-Mar-01.jpg&quot;,&quot;title&quot;:&quot;Fa\\u00e7ana i tancaments en nou establiment comercial&quot;},{&quot;src&quot;:&quot;https:\\\/\\\/www.garciafaura.com\\\/wp-content\\\/uploads\\\/2018\\\/09\\\/Supermecat-Premia-Mar-09.jpg&quot;,&quot;title&quot;:&quot;Fa\\u00e7ana i tancaments en nou establiment comercial&quot;},{&quot;src&quot;:&quot;https:\\\/\\\/www.garciafaura.com\\\/wp-content\\\/uploads\\\/2018\\\/09\\\/Supermecat-Premia-Mar-08.jpg&quot;,&quot;title&quot;:&quot;Fa\\u00e7ana i tancaments en nou establiment comercial&quot;},{&quot;src&quot;:&quot;https:\\\/\\\/www.garciafaura.com\\\/wp-content\\\/uploads\\\/2018\\\/09\\\/Supermecat-Premia-Mar-07.jpg&quot;,&quot;title&quot;:&quot;Fa\\u00e7ade et fermetures pour nouvel \\u00e9tablissement commercial&quot;},{&quot;src&quot;:&quot;https:\\\/\\\/www.garciafaura.com\\\/wp-content\\\/uploads\\\/2018\\\/09\\\/Supermecat-Premia-Mar-06.jpg&quot;,&quot;title&quot;:&quot;Fa\\u00e7ana i tancaments en nou establiment comercial&quot;},{&quot;src&quot;:&quot;https:\\\/\\\/www.garciafaura.com\\\/wp-content\\\/uploads\\\/2018\\\/09\\\/Supermecat-Premia-Mar-05.jpg&quot;,&quot;title&quot;:&quot;Fa\\u00e7ana i tancaments en nou establiment comercial&quot;},{&quot;src&quot;:&quot;https:\\\/\\\/www.garciafaura.com\\\/wp-content\\\/uploads\\\/2018\\\/09\\\/Supermecat-Premia-Mar-04.jpg&quot;,&quot;title&quot;:&quot;Fa\\u00e7ana i tancaments en nou establiment comercial&quot;},{&quot;src&quot;:&quot;https:\\\/\\\/www.garciafaura.com\\\/wp-content\\\/uploads\\\/2018\\\/09\\\/Supermecat-Premia-Mar-03.jpg&quot;,&quot;title&quot;:&quot;Fa\\u00e7ana i tancaments en nou establiment comercial&quot;},{&quot;src&quot;:&quot;https:\\\/\\\/www.garciafaura.com\\\/wp-content\\\/uploads\\\/2018\\\/09\\\/Supermecat-Premia-Mar-02.jpg&quot;,&quot;title&quot;:&quot;Fa\\u00e7ana i tancaments en nou establiment comercial&quot;}]\"><img loading=\"lazy\" decoding=\"async\" data-no-lazy=\"1\" class=\"portfolio-entry-img skip-lazy\" src=\"https:\/\/www.garciafaura.com\/wp-content\/uploads\/2018\/09\/Supermecat-Premia-Mar-07-600x314.jpg\" alt=\"Fa\u00e7ade Et Fermetures Pour Nouvel \u00e9tablissement Commercial\" data-no-retina width=\"600\" height=\"314\" \/><\/a><\/div><div class=\"portfolio-entry-details entry-details wpex-clr\"><h2 class=\"portfolio-entry-title entry-title\"><a href=\"https:\/\/www.garciafaura.com\/fr\/portfolio-item\/centre-commercial-sorli\/\" title=\"Centre Commercial Sorli\">Centre Commercial Sorli<\/a><\/h2><div class=\"portfolio-entry-categories entry-categories wpex-clr\"><a href=\"https:\/\/www.garciafaura.com\/fr\/portfolio-category\/batiments-de-services\/\" class=\"term-75\">B\u00e2timents de Services<\/a><\/div><\/div><\/div><\/div><div class=\"portfolio-entry vcex-grid-item entry-has-details span_1_of_3 col col-2 vcex-isotope-entry vcex-no-margin-entry post-20668 entry type-portfolio has-media cat-93 cat-95 cat-90 cat-101 translation_priority-5\"><div class=\"portfolio-entry-inner entry-inner wpex-clr\"><div class=\"portfolio-entry-media entry-media wpex-clr\"><a href=\"https:\/\/www.garciafaura.com\/wp-content\/uploads\/2018\/09\/Edifici-Beethoven-02.jpg\" title=\"R\u00e9am\u00e9nagement de l&rsquo;Immeuble Beethoven\" class=\"portfolio-entry-media-link wpex-lightbox-gallery\" data-gallery=\"[{&quot;src&quot;:&quot;https:\\\/\\\/www.garciafaura.com\\\/wp-content\\\/uploads\\\/2018\\\/09\\\/Edifici-Beethoven-01.jpg&quot;},{&quot;src&quot;:&quot;https:\\\/\\\/www.garciafaura.com\\\/wp-content\\\/uploads\\\/2018\\\/09\\\/Edifici-Beethoven-09.jpg&quot;},{&quot;src&quot;:&quot;https:\\\/\\\/www.garciafaura.com\\\/wp-content\\\/uploads\\\/2018\\\/09\\\/Edifici-Beethoven-08.jpg&quot;},{&quot;src&quot;:&quot;https:\\\/\\\/www.garciafaura.com\\\/wp-content\\\/uploads\\\/2018\\\/09\\\/Edifici-Beethoven-07.jpg&quot;},{&quot;src&quot;:&quot;https:\\\/\\\/www.garciafaura.com\\\/wp-content\\\/uploads\\\/2018\\\/09\\\/Edifici-Beethoven-06.jpg&quot;},{&quot;src&quot;:&quot;https:\\\/\\\/www.garciafaura.com\\\/wp-content\\\/uploads\\\/2018\\\/09\\\/Edifici-Beethoven-05.jpg&quot;},{&quot;src&quot;:&quot;https:\\\/\\\/www.garciafaura.com\\\/wp-content\\\/uploads\\\/2018\\\/09\\\/Edifici-Beethoven-04.jpg&quot;},{&quot;src&quot;:&quot;https:\\\/\\\/www.garciafaura.com\\\/wp-content\\\/uploads\\\/2018\\\/09\\\/Edifici-Beethoven-03.jpg&quot;},{&quot;src&quot;:&quot;https:\\\/\\\/www.garciafaura.com\\\/wp-content\\\/uploads\\\/2018\\\/09\\\/Edifici-Beethoven-02.jpg&quot;}]\"><img loading=\"lazy\" decoding=\"async\" data-no-lazy=\"1\" class=\"portfolio-entry-img skip-lazy\" src=\"https:\/\/www.garciafaura.com\/wp-content\/uploads\/2018\/09\/Edifici-Beethoven-02-600x314.jpg\" alt='' data-no-retina width=\"600\" height=\"314\" \/><\/a><\/div><div class=\"portfolio-entry-details entry-details wpex-clr\"><h2 class=\"portfolio-entry-title entry-title\"><a href=\"https:\/\/www.garciafaura.com\/fr\/portfolio-item\/reamenagement-de-limmeuble-beethoven\/\" title=\"R\u00e9am\u00e9nagement de l&rsquo;Immeuble Beethoven\">R\u00e9am\u00e9nagement de l&rsquo;Immeuble Beethoven<\/a><\/h2><div class=\"portfolio-entry-categories entry-categories wpex-clr\"><a href=\"https:\/\/www.garciafaura.com\/fr\/portfolio-category\/facades-fr\/\" class=\"term-93\">Fa\u00e7ades<\/a><\/div><\/div><\/div><\/div><div class=\"portfolio-entry vcex-grid-item entry-has-details span_1_of_3 col col-3 vcex-isotope-entry vcex-no-margin-entry post-20667 entry type-portfolio has-media cat-75 cat-92 cat-93 cat-95 cat-97 cat-98 translation_priority-5\"><div class=\"portfolio-entry-inner entry-inner wpex-clr\"><div class=\"portfolio-entry-media entry-media wpex-clr\"><a href=\"https:\/\/www.garciafaura.com\/wp-content\/uploads\/2018\/09\/Oceanario-Lisboa-04.jpg\" title=\"Agrandissement Oc\u00e9anarium de Lisbonne\" class=\"portfolio-entry-media-link wpex-lightbox-gallery\" data-gallery=\"[{&quot;src&quot;:&quot;https:\\\/\\\/www.garciafaura.com\\\/wp-content\\\/uploads\\\/2018\\\/09\\\/Oceanario-Lisboa-01.jpg&quot;},{&quot;src&quot;:&quot;https:\\\/\\\/www.garciafaura.com\\\/wp-content\\\/uploads\\\/2018\\\/09\\\/Oceanario-Lisboa-15.jpg&quot;},{&quot;src&quot;:&quot;https:\\\/\\\/www.garciafaura.com\\\/wp-content\\\/uploads\\\/2018\\\/09\\\/Oceanario-Lisboa-14.jpg&quot;},{&quot;src&quot;:&quot;https:\\\/\\\/www.garciafaura.com\\\/wp-content\\\/uploads\\\/2018\\\/09\\\/Oceanario-Lisboa-13.jpg&quot;},{&quot;src&quot;:&quot;https:\\\/\\\/www.garciafaura.com\\\/wp-content\\\/uploads\\\/2018\\\/09\\\/Oceanario-Lisboa-12.jpg&quot;},{&quot;src&quot;:&quot;https:\\\/\\\/www.garciafaura.com\\\/wp-content\\\/uploads\\\/2018\\\/09\\\/Oceanario-Lisboa-11.jpg&quot;},{&quot;src&quot;:&quot;https:\\\/\\\/www.garciafaura.com\\\/wp-content\\\/uploads\\\/2018\\\/09\\\/Oceanario-Lisboa-10.jpg&quot;},{&quot;src&quot;:&quot;https:\\\/\\\/www.garciafaura.com\\\/wp-content\\\/uploads\\\/2018\\\/09\\\/Oceanario-Lisboa-09.jpg&quot;},{&quot;src&quot;:&quot;https:\\\/\\\/www.garciafaura.com\\\/wp-content\\\/uploads\\\/2018\\\/09\\\/Oceanario-Lisboa-08.jpg&quot;},{&quot;src&quot;:&quot;https:\\\/\\\/www.garciafaura.com\\\/wp-content\\\/uploads\\\/2018\\\/09\\\/Oceanario-Lisboa-07.jpg&quot;},{&quot;src&quot;:&quot;https:\\\/\\\/www.garciafaura.com\\\/wp-content\\\/uploads\\\/2018\\\/09\\\/Oceanario-Lisboa-06.jpg&quot;},{&quot;src&quot;:&quot;https:\\\/\\\/www.garciafaura.com\\\/wp-content\\\/uploads\\\/2018\\\/09\\\/Oceanario-Lisboa-05.jpg&quot;},{&quot;src&quot;:&quot;https:\\\/\\\/www.garciafaura.com\\\/wp-content\\\/uploads\\\/2018\\\/09\\\/Oceanario-Lisboa-04.jpg&quot;},{&quot;src&quot;:&quot;https:\\\/\\\/www.garciafaura.com\\\/wp-content\\\/uploads\\\/2018\\\/09\\\/Oceanario-Lisboa-03.jpg&quot;},{&quot;src&quot;:&quot;https:\\\/\\\/www.garciafaura.com\\\/wp-content\\\/uploads\\\/2018\\\/09\\\/Oceanario-Lisboa-02.jpg&quot;}]\"><img loading=\"lazy\" decoding=\"async\" data-no-lazy=\"1\" class=\"portfolio-entry-img skip-lazy\" src=\"https:\/\/www.garciafaura.com\/wp-content\/uploads\/2018\/09\/Oceanario-Lisboa-04-600x314.jpg\" alt='' data-no-retina width=\"600\" height=\"314\" \/><\/a><\/div><div class=\"portfolio-entry-details entry-details wpex-clr\"><h2 class=\"portfolio-entry-title entry-title\"><a href=\"https:\/\/www.garciafaura.com\/fr\/portfolio-item\/agrandissement-de-loceanarium-de-lisbonne\/\" title=\"Agrandissement Oc\u00e9anarium de Lisbonne\">Agrandissement Oc\u00e9anarium de Lisbonne<\/a><\/h2><div class=\"portfolio-entry-categories entry-categories wpex-clr\"><a href=\"https:\/\/www.garciafaura.com\/fr\/portfolio-category\/batiments-de-services\/\" class=\"term-75\">B\u00e2timents de Services<\/a><\/div><\/div><\/div><\/div><div class=\"portfolio-entry vcex-grid-item entry-has-details span_1_of_3 col col-1 vcex-isotope-entry vcex-no-margin-entry post-20660 entry type-portfolio has-media cat-93 cat-94 translation_priority-5\"><div class=\"portfolio-entry-inner entry-inner wpex-clr\"><div class=\"portfolio-entry-media entry-media wpex-clr\"><a href=\"https:\/\/www.garciafaura.com\/wp-content\/uploads\/2018\/09\/Hotel-BCN-Events-03.jpg\" title=\"H\u00f4tel BCN Events\" class=\"portfolio-entry-media-link wpex-lightbox-gallery\" data-gallery=\"[{&quot;src&quot;:&quot;https:\\\/\\\/www.garciafaura.com\\\/wp-content\\\/uploads\\\/2018\\\/09\\\/Hotel-BCN-Events-01.jpg&quot;},{&quot;src&quot;:&quot;https:\\\/\\\/www.garciafaura.com\\\/wp-content\\\/uploads\\\/2018\\\/09\\\/Hotel-BCN-Events-04.jpg&quot;},{&quot;src&quot;:&quot;https:\\\/\\\/www.garciafaura.com\\\/wp-content\\\/uploads\\\/2018\\\/09\\\/Hotel-BCN-Events-03.jpg&quot;},{&quot;src&quot;:&quot;https:\\\/\\\/www.garciafaura.com\\\/wp-content\\\/uploads\\\/2018\\\/09\\\/Hotel-BCN-Events-02.jpg&quot;}]\"><img decoding=\"async\" data-no-lazy=\"1\" class=\"portfolio-entry-img skip-lazy\" src=\"https:\/\/www.garciafaura.com\/wp-content\/uploads\/2018\/09\/Hotel-BCN-Events-03-x.jpg\" alt='' data-no-retina \/><\/a><\/div><div class=\"portfolio-entry-details entry-details wpex-clr\"><h2 class=\"portfolio-entry-title entry-title\"><a href=\"https:\/\/www.garciafaura.com\/fr\/portfolio-item\/hotel-bcn-events\/\" title=\"H\u00f4tel BCN Events\">H\u00f4tel BCN Events<\/a><\/h2><div class=\"portfolio-entry-categories entry-categories wpex-clr\"><a href=\"https:\/\/www.garciafaura.com\/fr\/portfolio-category\/facades-fr\/\" class=\"term-93\">Fa\u00e7ades<\/a><\/div><\/div><\/div><\/div><div class=\"portfolio-entry vcex-grid-item entry-has-details span_1_of_3 col col-2 vcex-isotope-entry vcex-no-margin-entry post-20659 entry type-portfolio has-media cat-75 cat-93 translation_priority-5\"><div class=\"portfolio-entry-inner entry-inner wpex-clr\"><div class=\"portfolio-entry-media entry-media wpex-clr\"><a href=\"https:\/\/www.garciafaura.com\/wp-content\/uploads\/2018\/09\/Ajuntament-de-Gava\u0300-02.jpg\" title=\"Mairie de Gav\u00e0\" class=\"portfolio-entry-media-link wpex-lightbox-gallery\" data-gallery=\"[{&quot;src&quot;:&quot;https:\\\/\\\/www.garciafaura.com\\\/wp-content\\\/uploads\\\/2018\\\/09\\\/Ajuntament-de-Gava\\u0300-02.jpg&quot;},{&quot;src&quot;:&quot;https:\\\/\\\/www.garciafaura.com\\\/wp-content\\\/uploads\\\/2018\\\/11\\\/Ajuntament-de-Gava\\u0300-05.jpg&quot;},{&quot;src&quot;:&quot;https:\\\/\\\/www.garciafaura.com\\\/wp-content\\\/uploads\\\/2018\\\/11\\\/Ajuntament-de-Gava\\u0300-04.jpg&quot;},{&quot;src&quot;:&quot;https:\\\/\\\/www.garciafaura.com\\\/wp-content\\\/uploads\\\/2018\\\/11\\\/Ajuntament-de-Gava\\u0300-03.jpg&quot;},{&quot;src&quot;:&quot;https:\\\/\\\/www.garciafaura.com\\\/wp-content\\\/uploads\\\/2018\\\/11\\\/Ajuntament-de-Gava\\u0300-02.jpg&quot;},{&quot;src&quot;:&quot;https:\\\/\\\/www.garciafaura.com\\\/wp-content\\\/uploads\\\/2018\\\/11\\\/Ajuntament-de-Gava\\u0300-01.jpg&quot;},{&quot;src&quot;:&quot;https:\\\/\\\/www.garciafaura.com\\\/wp-content\\\/uploads\\\/2018\\\/09\\\/Ajuntament-de-Gava\\u0300-05.jpg&quot;},{&quot;src&quot;:&quot;https:\\\/\\\/www.garciafaura.com\\\/wp-content\\\/uploads\\\/2018\\\/09\\\/Ajuntament-de-Gava\\u0300-04.jpg&quot;},{&quot;src&quot;:&quot;https:\\\/\\\/www.garciafaura.com\\\/wp-content\\\/uploads\\\/2018\\\/09\\\/Ajuntament-de-Gava\\u0300-03.jpg&quot;},{&quot;src&quot;:&quot;https:\\\/\\\/www.garciafaura.com\\\/wp-content\\\/uploads\\\/2018\\\/09\\\/Ajuntament-de-Gava\\u0300-01.jpg&quot;}]\"><img decoding=\"async\" data-no-lazy=\"1\" class=\"portfolio-entry-img skip-lazy\" src=\"https:\/\/www.garciafaura.com\/wp-content\/uploads\/2018\/09\/Ajuntament-de-Gava\u0300-02-x.jpg\" alt='' data-no-retina \/><\/a><\/div><div class=\"portfolio-entry-details entry-details wpex-clr\"><h2 class=\"portfolio-entry-title entry-title\"><a href=\"https:\/\/www.garciafaura.com\/fr\/portfolio-item\/mairie-de-gava\/\" title=\"Mairie de Gav\u00e0\">Mairie de Gav\u00e0<\/a><\/h2><div class=\"portfolio-entry-categories entry-categories wpex-clr\"><a href=\"https:\/\/www.garciafaura.com\/fr\/portfolio-category\/batiments-de-services\/\" class=\"term-75\">B\u00e2timents de Services<\/a><\/div><\/div><\/div><\/div><div class=\"portfolio-entry vcex-grid-item entry-has-details span_1_of_3 col col-3 vcex-isotope-entry vcex-no-margin-entry post-20524 entry type-portfolio has-media cat-75 cat-92 cat-93 cat-95 cat-97 cat-98 translation_priority-5\"><div class=\"portfolio-entry-inner entry-inner wpex-clr\"><div class=\"portfolio-entry-media entry-media wpex-clr\"><a href=\"https:\/\/www.garciafaura.com\/wp-content\/uploads\/2018\/10\/Centro-Gestio\u0301n-Aeroportuaria-01.jpg\" title=\"Centre Gestion des A\u00e9roports de Colombie\" class=\"portfolio-entry-media-link wpex-lightbox-gallery\" data-gallery=\"[{&quot;src&quot;:&quot;https:\\\/\\\/www.garciafaura.com\\\/wp-content\\\/uploads\\\/2018\\\/10\\\/Centro-Gestio\\u0301n-Aeroportuaria-01.jpg&quot;},{&quot;src&quot;:&quot;https:\\\/\\\/www.garciafaura.com\\\/wp-content\\\/uploads\\\/2018\\\/10\\\/Centro-Gestio\\u0301n-Aeroportuaria-11.jpg&quot;},{&quot;src&quot;:&quot;https:\\\/\\\/www.garciafaura.com\\\/wp-content\\\/uploads\\\/2018\\\/10\\\/Centro-Gestio\\u0301n-Aeroportuaria-10.jpg&quot;},{&quot;src&quot;:&quot;https:\\\/\\\/www.garciafaura.com\\\/wp-content\\\/uploads\\\/2018\\\/10\\\/Centro-Gestio\\u0301n-Aeroportuaria-09.jpg&quot;},{&quot;src&quot;:&quot;https:\\\/\\\/www.garciafaura.com\\\/wp-content\\\/uploads\\\/2018\\\/10\\\/Centro-Gestio\\u0301n-Aeroportuaria-08.jpg&quot;},{&quot;src&quot;:&quot;https:\\\/\\\/www.garciafaura.com\\\/wp-content\\\/uploads\\\/2018\\\/10\\\/Centro-Gestio\\u0301n-Aeroportuaria-07.jpg&quot;},{&quot;src&quot;:&quot;https:\\\/\\\/www.garciafaura.com\\\/wp-content\\\/uploads\\\/2018\\\/10\\\/Centro-Gestio\\u0301n-Aeroportuaria-06.jpg&quot;},{&quot;src&quot;:&quot;https:\\\/\\\/www.garciafaura.com\\\/wp-content\\\/uploads\\\/2018\\\/10\\\/Centro-Gestio\\u0301n-Aeroportuaria-05.jpg&quot;},{&quot;src&quot;:&quot;https:\\\/\\\/www.garciafaura.com\\\/wp-content\\\/uploads\\\/2018\\\/10\\\/Centro-Gestio\\u0301n-Aeroportuaria-04.jpg&quot;},{&quot;src&quot;:&quot;https:\\\/\\\/www.garciafaura.com\\\/wp-content\\\/uploads\\\/2018\\\/10\\\/Centro-Gestio\\u0301n-Aeroportuaria-03.jpg&quot;},{&quot;src&quot;:&quot;https:\\\/\\\/www.garciafaura.com\\\/wp-content\\\/uploads\\\/2018\\\/10\\\/Centro-Gestio\\u0301n-Aeroportuaria-02.jpg&quot;}]\"><img loading=\"lazy\" decoding=\"async\" data-no-lazy=\"1\" class=\"portfolio-entry-img skip-lazy\" src=\"https:\/\/www.garciafaura.com\/wp-content\/uploads\/2018\/10\/Centro-Gestio\u0301n-Aeroportuaria-01-600x314.jpg\" alt='' data-no-retina width=\"600\" height=\"314\" \/><\/a><\/div><div class=\"portfolio-entry-details entry-details wpex-clr\"><h2 class=\"portfolio-entry-title entry-title\"><a href=\"https:\/\/www.garciafaura.com\/fr\/portfolio-item\/centre-gestion-des-aeroports-de-colombie\/\" title=\"Centre Gestion des A\u00e9roports de Colombie\">Centre Gestion des A\u00e9roports de Colombie<\/a><\/h2><div class=\"portfolio-entry-categories entry-categories wpex-clr\"><a href=\"https:\/\/www.garciafaura.com\/fr\/portfolio-category\/batiments-de-services\/\" class=\"term-75\">B\u00e2timents de Services<\/a><\/div><\/div><\/div><\/div><div class=\"portfolio-entry vcex-grid-item entry-has-details span_1_of_3 col col-1 vcex-isotope-entry vcex-no-margin-entry post-20509 entry type-portfolio has-media cat-69 cat-93 cat-95 translation_priority-5\"><div class=\"portfolio-entry-inner entry-inner wpex-clr\"><div class=\"portfolio-entry-media entry-media wpex-clr\"><a href=\"https:\/\/www.garciafaura.com\/wp-content\/uploads\/2018\/11\/Seu-Eninter-01.jpg\" title=\"Si\u00e8ge Eninter\" class=\"portfolio-entry-media-link wpex-lightbox-gallery\" data-gallery=\"[{&quot;src&quot;:&quot;https:\\\/\\\/www.garciafaura.com\\\/wp-content\\\/uploads\\\/2018\\\/11\\\/Seu-Eninter-01.jpg&quot;,&quot;title&quot;:&quot;Architecture ext\\u00e9rieure et fermetures pour Eninter \\u00e0 Cornell\\u00e0 de Llobregat&quot;},{&quot;src&quot;:&quot;https:\\\/\\\/www.garciafaura.com\\\/wp-content\\\/uploads\\\/2018\\\/11\\\/Seu-Eninter-02.jpg&quot;,&quot;title&quot;:&quot;Architecture ext\\u00e9rieure et fermetures pour Eninter \\u00e0 Cornell\\u00e0 de Llobregat&quot;},{&quot;src&quot;:&quot;https:\\\/\\\/www.garciafaura.com\\\/wp-content\\\/uploads\\\/2018\\\/11\\\/Seu-Eninter-03.jpg&quot;,&quot;title&quot;:&quot;Architecture ext\\u00e9rieure et fermetures pour Eninter \\u00e0 Cornell\\u00e0 de Llobregat&quot;}]\"><img loading=\"lazy\" decoding=\"async\" data-no-lazy=\"1\" class=\"portfolio-entry-img skip-lazy\" src=\"https:\/\/www.garciafaura.com\/wp-content\/uploads\/2018\/11\/Seu-Eninter-01-600x314.jpg\" alt=\"Architecture Ext\u00e9rieure Et Fermetures Pour Eninter \u00e0 Cornell\u00e0 De Llobregat\" data-no-retina width=\"600\" height=\"314\" \/><\/a><\/div><div class=\"portfolio-entry-details entry-details wpex-clr\"><h2 class=\"portfolio-entry-title entry-title\"><a href=\"https:\/\/www.garciafaura.com\/fr\/portfolio-item\/siege-eninter\/\" title=\"Si\u00e8ge Eninter\">Si\u00e8ge Eninter<\/a><\/h2><div class=\"portfolio-entry-categories entry-categories wpex-clr\"><a href=\"https:\/\/www.garciafaura.com\/fr\/portfolio-category\/batiments-corporatifs\/\" class=\"term-69\">B\u00e2timents Corporatifs<\/a><\/div><\/div><\/div><\/div><div class=\"portfolio-entry vcex-grid-item entry-has-details span_1_of_3 col col-2 vcex-isotope-entry vcex-no-margin-entry post-20507 entry type-portfolio has-media cat-75 cat-93 translation_priority-5\"><div class=\"portfolio-entry-inner entry-inner wpex-clr\"><div class=\"portfolio-entry-media entry-media wpex-clr\"><a href=\"https:\/\/www.garciafaura.com\/wp-content\/uploads\/2018\/11\/Audie\u0300ncia-Provincial-Saragossa-02.jpg\" title=\"Audience Provinciale de Saragosse\" class=\"portfolio-entry-media-link wpex-lightbox-gallery\" data-gallery=\"[{&quot;src&quot;:&quot;https:\\\/\\\/www.garciafaura.com\\\/wp-content\\\/uploads\\\/2018\\\/11\\\/Audie\\u0300ncia-Provincial-Saragossa-01.jpg&quot;,&quot;title&quot;:&quot;1155 m\\u00b2 de fermetures et mur-rideau \\u00e0 Saragosse&quot;},{&quot;src&quot;:&quot;https:\\\/\\\/www.garciafaura.com\\\/wp-content\\\/uploads\\\/2018\\\/11\\\/Audie\\u0300ncia-Provincial-Saragossa-07.jpg&quot;,&quot;title&quot;:&quot;1155 m\\u00b2 de fermetures et mur-rideau \\u00e0 Saragosse&quot;},{&quot;src&quot;:&quot;https:\\\/\\\/www.garciafaura.com\\\/wp-content\\\/uploads\\\/2018\\\/11\\\/Audie\\u0300ncia-Provincial-Saragossa-06.jpg&quot;,&quot;title&quot;:&quot;1155 m\\u00b2 de fermetures et mur-rideau \\u00e0 Saragosse&quot;},{&quot;src&quot;:&quot;https:\\\/\\\/www.garciafaura.com\\\/wp-content\\\/uploads\\\/2018\\\/11\\\/Audie\\u0300ncia-Provincial-Saragossa-05.jpg&quot;,&quot;title&quot;:&quot;1155 m\\u00b2 de fermetures et mur-rideau \\u00e0 Saragosse&quot;},{&quot;src&quot;:&quot;https:\\\/\\\/www.garciafaura.com\\\/wp-content\\\/uploads\\\/2018\\\/11\\\/Audie\\u0300ncia-Provincial-Saragossa-04.jpg&quot;,&quot;title&quot;:&quot;1155 m\\u00b2 de fermetures et mur-rideau \\u00e0 Saragosse&quot;},{&quot;src&quot;:&quot;https:\\\/\\\/www.garciafaura.com\\\/wp-content\\\/uploads\\\/2018\\\/11\\\/Audie\\u0300ncia-Provincial-Saragossa-03.jpg&quot;,&quot;title&quot;:&quot;1155 m\\u00b2 de fermetures et mur-rideau \\u00e0 Saragosse&quot;},{&quot;src&quot;:&quot;https:\\\/\\\/www.garciafaura.com\\\/wp-content\\\/uploads\\\/2018\\\/11\\\/Audie\\u0300ncia-Provincial-Saragossa-02.jpg&quot;,&quot;title&quot;:&quot;1155 m\\u00b2 de fermetures et mur-rideau \\u00e0 Saragosse&quot;}]\"><img loading=\"lazy\" decoding=\"async\" data-no-lazy=\"1\" class=\"portfolio-entry-img skip-lazy\" src=\"https:\/\/www.garciafaura.com\/wp-content\/uploads\/2018\/11\/Audie\u0300ncia-Provincial-Saragossa-02.jpg\" alt=\"1155 M\u00b2 De Fermetures Et Mur-rideau \u00e0 Saragosse\" data-no-retina width=\"553\" height=\"289\" \/><\/a><\/div><div class=\"portfolio-entry-details entry-details wpex-clr\"><h2 class=\"portfolio-entry-title entry-title\"><a href=\"https:\/\/www.garciafaura.com\/fr\/portfolio-item\/audience-provinciale-de-saragosse\/\" title=\"Audience Provinciale de Saragosse\">Audience Provinciale de Saragosse<\/a><\/h2><div class=\"portfolio-entry-categories entry-categories wpex-clr\"><a href=\"https:\/\/www.garciafaura.com\/fr\/portfolio-category\/batiments-de-services\/\" class=\"term-75\">B\u00e2timents de Services<\/a><\/div><\/div><\/div><\/div><div class=\"portfolio-entry vcex-grid-item entry-has-details span_1_of_3 col col-3 vcex-isotope-entry vcex-no-margin-entry post-20506 entry type-portfolio has-media cat-69 cat-93 translation_priority-5\"><div class=\"portfolio-entry-inner entry-inner wpex-clr\"><div class=\"portfolio-entry-media entry-media wpex-clr\"><a href=\"https:\/\/www.garciafaura.com\/wp-content\/uploads\/2018\/11\/Oficines-Palau-Blaugrana-01.jpg\" title=\"Bureaux Palau Blaugrana\" class=\"portfolio-entry-media-link wpex-lightbox-gallery\" data-gallery=\"[{&quot;src&quot;:&quot;https:\\\/\\\/www.garciafaura.com\\\/wp-content\\\/uploads\\\/2018\\\/11\\\/Oficines-Palau-Blaugrana-01.jpg&quot;,&quot;title&quot;:&quot;Nouveaux services pour les installations du FC Barcelona&quot;},{&quot;src&quot;:&quot;https:\\\/\\\/www.garciafaura.com\\\/wp-content\\\/uploads\\\/2018\\\/11\\\/Oficines-Palau-Blaugrana-03.jpg&quot;,&quot;title&quot;:&quot;Nouveaux services pour les installations du FC Barcelona&quot;},{&quot;src&quot;:&quot;https:\\\/\\\/www.garciafaura.com\\\/wp-content\\\/uploads\\\/2018\\\/11\\\/Oficines-Palau-Blaugrana-02.jpg&quot;,&quot;title&quot;:&quot;Nouveaux services pour les installations du FC Barcelona&quot;}]\"><img decoding=\"async\" data-no-lazy=\"1\" class=\"portfolio-entry-img skip-lazy\" src=\"https:\/\/www.garciafaura.com\/wp-content\/uploads\/2018\/11\/Oficines-Palau-Blaugrana-01-x.jpg\" alt=\"Nouveaux Services Pour Les Installations Du FC Barcelona\" data-no-retina \/><\/a><\/div><div class=\"portfolio-entry-details entry-details wpex-clr\"><h2 class=\"portfolio-entry-title entry-title\"><a href=\"https:\/\/www.garciafaura.com\/fr\/portfolio-item\/bureaux-palau-blaugrana\/\" title=\"Bureaux Palau Blaugrana\">Bureaux Palau Blaugrana<\/a><\/h2><div class=\"portfolio-entry-categories entry-categories wpex-clr\"><a href=\"https:\/\/www.garciafaura.com\/fr\/portfolio-category\/batiments-corporatifs\/\" class=\"term-69\">B\u00e2timents Corporatifs<\/a><\/div><\/div><\/div><\/div><div class=\"portfolio-entry vcex-grid-item entry-has-details span_1_of_3 col col-1 vcex-isotope-entry vcex-no-margin-entry post-20502 entry type-portfolio has-media cat-75 cat-92 cat-93 translation_priority-5\"><div class=\"portfolio-entry-inner entry-inner wpex-clr\"><div class=\"portfolio-entry-media entry-media wpex-clr\"><a href=\"https:\/\/www.garciafaura.com\/wp-content\/uploads\/2018\/11\/Terminal-Grimaldi-19.jpg\" title=\"Terminal Grimaldi\" class=\"portfolio-entry-media-link wpex-lightbox-gallery\" data-gallery=\"[{&quot;src&quot;:&quot;https:\\\/\\\/www.garciafaura.com\\\/wp-content\\\/uploads\\\/2018\\\/11\\\/Terminal-Grimaldi-01.jpg&quot;,&quot;title&quot;:&quot;Nouveau terminal de la compagnie Grimaldi dans le Port de Barcelone&quot;},{&quot;src&quot;:&quot;https:\\\/\\\/www.garciafaura.com\\\/wp-content\\\/uploads\\\/2018\\\/11\\\/Terminal-Grimaldi-19.jpg&quot;,&quot;title&quot;:&quot;Nouveau terminal de la compagnie Grimaldi dans le Port de Barcelone&quot;},{&quot;src&quot;:&quot;https:\\\/\\\/www.garciafaura.com\\\/wp-content\\\/uploads\\\/2018\\\/11\\\/Terminal-Grimaldi-18.jpg&quot;,&quot;title&quot;:&quot;Nouveau terminal de la compagnie Grimaldi dans le Port de Barcelone&quot;},{&quot;src&quot;:&quot;https:\\\/\\\/www.garciafaura.com\\\/wp-content\\\/uploads\\\/2018\\\/11\\\/Terminal-Grimaldi-17.jpg&quot;,&quot;title&quot;:&quot;Nouveau terminal de la compagnie Grimaldi dans le Port de Barcelone&quot;},{&quot;src&quot;:&quot;https:\\\/\\\/www.garciafaura.com\\\/wp-content\\\/uploads\\\/2018\\\/11\\\/Terminal-Grimaldi-16.jpg&quot;,&quot;title&quot;:&quot;Nouveau terminal de la compagnie Grimaldi dans le Port de Barcelone&quot;},{&quot;src&quot;:&quot;https:\\\/\\\/www.garciafaura.com\\\/wp-content\\\/uploads\\\/2018\\\/11\\\/Terminal-Grimaldi-15.jpg&quot;,&quot;title&quot;:&quot;Nouveau terminal de la compagnie Grimaldi dans le Port de Barcelone&quot;},{&quot;src&quot;:&quot;https:\\\/\\\/www.garciafaura.com\\\/wp-content\\\/uploads\\\/2018\\\/11\\\/Terminal-Grimaldi-14.jpg&quot;,&quot;title&quot;:&quot;Nouveau terminal de la compagnie Grimaldi dans le Port de Barcelone&quot;},{&quot;src&quot;:&quot;https:\\\/\\\/www.garciafaura.com\\\/wp-content\\\/uploads\\\/2018\\\/11\\\/Terminal-Grimaldi-13.jpg&quot;,&quot;title&quot;:&quot;Nouveau terminal de la compagnie Grimaldi dans le Port de Barcelone&quot;},{&quot;src&quot;:&quot;https:\\\/\\\/www.garciafaura.com\\\/wp-content\\\/uploads\\\/2018\\\/11\\\/Terminal-Grimaldi-12.jpg&quot;,&quot;title&quot;:&quot;Nouveau terminal de la compagnie Grimaldi dans le Port de Barcelone&quot;},{&quot;src&quot;:&quot;https:\\\/\\\/www.garciafaura.com\\\/wp-content\\\/uploads\\\/2018\\\/11\\\/Terminal-Grimaldi-11.jpg&quot;,&quot;title&quot;:&quot;Nouveau terminal de la compagnie Grimaldi dans le Port de Barcelone&quot;},{&quot;src&quot;:&quot;https:\\\/\\\/www.garciafaura.com\\\/wp-content\\\/uploads\\\/2018\\\/11\\\/Terminal-Grimaldi-10.jpg&quot;,&quot;title&quot;:&quot;Nouveau terminal de la compagnie Grimaldi dans le Port de Barcelone&quot;},{&quot;src&quot;:&quot;https:\\\/\\\/www.garciafaura.com\\\/wp-content\\\/uploads\\\/2018\\\/11\\\/Terminal-Grimaldi-09.jpg&quot;,&quot;title&quot;:&quot;Nouveau terminal de la compagnie Grimaldi dans le Port de Barcelone&quot;},{&quot;src&quot;:&quot;https:\\\/\\\/www.garciafaura.com\\\/wp-content\\\/uploads\\\/2018\\\/11\\\/Terminal-Grimaldi-08.jpg&quot;,&quot;title&quot;:&quot;Nouveau terminal de la compagnie Grimaldi dans le Port de Barcelone&quot;},{&quot;src&quot;:&quot;https:\\\/\\\/www.garciafaura.com\\\/wp-content\\\/uploads\\\/2018\\\/11\\\/Terminal-Grimaldi-07.jpg&quot;,&quot;title&quot;:&quot;Nouveau terminal de la compagnie Grimaldi dans le Port de Barcelone&quot;},{&quot;src&quot;:&quot;https:\\\/\\\/www.garciafaura.com\\\/wp-content\\\/uploads\\\/2018\\\/11\\\/Terminal-Grimaldi-06.jpg&quot;,&quot;title&quot;:&quot;Nouveau terminal de la compagnie Grimaldi dans le Port de Barcelone&quot;},{&quot;src&quot;:&quot;https:\\\/\\\/www.garciafaura.com\\\/wp-content\\\/uploads\\\/2018\\\/11\\\/Terminal-Grimaldi-05.jpg&quot;,&quot;title&quot;:&quot;Nouveau terminal de la compagnie Grimaldi dans le Port de Barcelone&quot;},{&quot;src&quot;:&quot;https:\\\/\\\/www.garciafaura.com\\\/wp-content\\\/uploads\\\/2018\\\/11\\\/Terminal-Grimaldi-04.jpg&quot;,&quot;title&quot;:&quot;Nouveau terminal de la compagnie Grimaldi dans le Port de Barcelone&quot;},{&quot;src&quot;:&quot;https:\\\/\\\/www.garciafaura.com\\\/wp-content\\\/uploads\\\/2018\\\/11\\\/Terminal-Grimaldi-03.jpg&quot;,&quot;title&quot;:&quot;Nouveau terminal de la compagnie Grimaldi dans le Port de Barcelone&quot;},{&quot;src&quot;:&quot;https:\\\/\\\/www.garciafaura.com\\\/wp-content\\\/uploads\\\/2018\\\/11\\\/Terminal-Grimaldi-02.jpg&quot;,&quot;title&quot;:&quot;Nouveau terminal de la compagnie Grimaldi dans le Port de Barcelone&quot;}]\"><img loading=\"lazy\" decoding=\"async\" data-no-lazy=\"1\" class=\"portfolio-entry-img skip-lazy\" src=\"https:\/\/www.garciafaura.com\/wp-content\/uploads\/2018\/11\/Terminal-Grimaldi-19-600x314.jpg\" alt=\"Nouveau Terminal De La Compagnie Grimaldi Dans Le Port De Barcelone\" data-no-retina width=\"600\" height=\"314\" \/><\/a><\/div><div class=\"portfolio-entry-details entry-details wpex-clr\"><h2 class=\"portfolio-entry-title entry-title\"><a href=\"https:\/\/www.garciafaura.com\/fr\/portfolio-item\/terminal-grimaldi\/\" title=\"Terminal Grimaldi\">Terminal Grimaldi<\/a><\/h2><div class=\"portfolio-entry-categories entry-categories wpex-clr\"><a href=\"https:\/\/www.garciafaura.com\/fr\/portfolio-category\/batiments-de-services\/\" class=\"term-75\">B\u00e2timents de Services<\/a><\/div><\/div><\/div><\/div><div class=\"portfolio-entry vcex-grid-item entry-has-details span_1_of_3 col col-2 vcex-isotope-entry vcex-no-margin-entry post-20496 entry type-portfolio has-media cat-75 cat-93 cat-95 translation_priority-5\"><div class=\"portfolio-entry-inner entry-inner wpex-clr\"><div class=\"portfolio-entry-media entry-media wpex-clr\"><a href=\"https:\/\/www.garciafaura.com\/wp-content\/uploads\/2018\/11\/Edifici-ICFO-Campus-UPC-01.jpg\" title=\"Immeuble ICFO Campus UPC Castelldefels\" class=\"portfolio-entry-media-link wpex-lightbox-gallery\" data-gallery=\"[{&quot;src&quot;:&quot;https:\\\/\\\/www.garciafaura.com\\\/wp-content\\\/uploads\\\/2018\\\/11\\\/Edifici-ICFO-Campus-UPC-01.jpg&quot;,&quot;title&quot;:&quot;Fermetures et passerelles pour l&#039;Institut des Sciences Photoniques dans le Campus Castelldefels&quot;},{&quot;src&quot;:&quot;https:\\\/\\\/www.garciafaura.com\\\/wp-content\\\/uploads\\\/2018\\\/11\\\/Edifici-ICFO-Campus-UPC-33.jpg&quot;,&quot;title&quot;:&quot;Fermetures et passerelles pour l&#039;Institut des Sciences Photoniques dans le Campus Castelldefels&quot;},{&quot;src&quot;:&quot;https:\\\/\\\/www.garciafaura.com\\\/wp-content\\\/uploads\\\/2018\\\/11\\\/Edifici-ICFO-Campus-UPC-32.jpg&quot;,&quot;title&quot;:&quot;Fermetures et passerelles pour l&#039;Institut des Sciences Photoniques dans le Campus Castelldefels&quot;},{&quot;src&quot;:&quot;https:\\\/\\\/www.garciafaura.com\\\/wp-content\\\/uploads\\\/2018\\\/11\\\/Edifici-ICFO-Campus-UPC-31.jpg&quot;,&quot;title&quot;:&quot;Fermetures et passerelles pour l&#039;Institut des Sciences Photoniques dans le Campus Castelldefels&quot;},{&quot;src&quot;:&quot;https:\\\/\\\/www.garciafaura.com\\\/wp-content\\\/uploads\\\/2018\\\/11\\\/Edifici-ICFO-Campus-UPC-30.jpg&quot;,&quot;title&quot;:&quot;Fermetures et passerelles pour l&#039;Institut des Sciences Photoniques dans le Campus Castelldefels&quot;},{&quot;src&quot;:&quot;https:\\\/\\\/www.garciafaura.com\\\/wp-content\\\/uploads\\\/2018\\\/11\\\/Edifici-ICFO-Campus-UPC-29.jpg&quot;,&quot;title&quot;:&quot;Fermetures et passerelles pour l&#039;Institut des Sciences Photoniques dans le Campus Castelldefels&quot;},{&quot;src&quot;:&quot;https:\\\/\\\/www.garciafaura.com\\\/wp-content\\\/uploads\\\/2018\\\/11\\\/Edifici-ICFO-Campus-UPC-28.jpg&quot;,&quot;title&quot;:&quot;Fermetures et passerelles pour l&#039;Institut des Sciences Photoniques dans le Campus Castelldefels&quot;},{&quot;src&quot;:&quot;https:\\\/\\\/www.garciafaura.com\\\/wp-content\\\/uploads\\\/2018\\\/11\\\/Edifici-ICFO-Campus-UPC-27.jpg&quot;,&quot;title&quot;:&quot;Fermetures et passerelles pour l&#039;Institut des Sciences Photoniques dans le Campus Castelldefels&quot;},{&quot;src&quot;:&quot;https:\\\/\\\/www.garciafaura.com\\\/wp-content\\\/uploads\\\/2018\\\/11\\\/Edifici-ICFO-Campus-UPC-26.jpg&quot;,&quot;title&quot;:&quot;Fermetures et passerelles pour l&#039;Institut des Sciences Photoniques dans le Campus Castelldefels&quot;},{&quot;src&quot;:&quot;https:\\\/\\\/www.garciafaura.com\\\/wp-content\\\/uploads\\\/2018\\\/11\\\/Edifici-ICFO-Campus-UPC-25.jpg&quot;,&quot;title&quot;:&quot;Fermetures et passerelles pour l&#039;Institut des Sciences Photoniques dans le Campus Castelldefels&quot;},{&quot;src&quot;:&quot;https:\\\/\\\/www.garciafaura.com\\\/wp-content\\\/uploads\\\/2018\\\/11\\\/Edifici-ICFO-Campus-UPC-24.jpg&quot;,&quot;title&quot;:&quot;Fermetures et passerelles pour l&#039;Institut des Sciences Photoniques dans le Campus Castelldefels&quot;},{&quot;src&quot;:&quot;https:\\\/\\\/www.garciafaura.com\\\/wp-content\\\/uploads\\\/2018\\\/11\\\/Edifici-ICFO-Campus-UPC-23.jpg&quot;,&quot;title&quot;:&quot;Fermetures et passerelles pour l&#039;Institut des Sciences Photoniques dans le Campus Castelldefels&quot;},{&quot;src&quot;:&quot;https:\\\/\\\/www.garciafaura.com\\\/wp-content\\\/uploads\\\/2018\\\/11\\\/Edifici-ICFO-Campus-UPC-22.jpg&quot;,&quot;title&quot;:&quot;Fermetures et passerelles pour l&#039;Institut des Sciences Photoniques dans le Campus Castelldefels&quot;},{&quot;src&quot;:&quot;https:\\\/\\\/www.garciafaura.com\\\/wp-content\\\/uploads\\\/2018\\\/11\\\/Edifici-ICFO-Campus-UPC-21.jpg&quot;,&quot;title&quot;:&quot;Fermetures et passerelles pour l&#039;Institut des Sciences Photoniques dans le Campus Castelldefels&quot;},{&quot;src&quot;:&quot;https:\\\/\\\/www.garciafaura.com\\\/wp-content\\\/uploads\\\/2018\\\/11\\\/Edifici-ICFO-Campus-UPC-20.jpg&quot;,&quot;title&quot;:&quot;Fermetures et passerelles pour l&#039;Institut des Sciences Photoniques dans le Campus Castelldefels&quot;},{&quot;src&quot;:&quot;https:\\\/\\\/www.garciafaura.com\\\/wp-content\\\/uploads\\\/2018\\\/11\\\/Edifici-ICFO-Campus-UPC-19.jpg&quot;,&quot;title&quot;:&quot;Fermetures et passerelles pour l&#039;Institut des Sciences Photoniques dans le Campus Castelldefels&quot;},{&quot;src&quot;:&quot;https:\\\/\\\/www.garciafaura.com\\\/wp-content\\\/uploads\\\/2018\\\/11\\\/Edifici-ICFO-Campus-UPC-18.jpg&quot;,&quot;title&quot;:&quot;Fermetures et passerelles pour l&#039;Institut des Sciences Photoniques dans le Campus Castelldefels&quot;},{&quot;src&quot;:&quot;https:\\\/\\\/www.garciafaura.com\\\/wp-content\\\/uploads\\\/2018\\\/11\\\/Edifici-ICFO-Campus-UPC-17.jpg&quot;,&quot;title&quot;:&quot;Fermetures et passerelles pour l&#039;Institut des Sciences Photoniques dans le Campus Castelldefels&quot;},{&quot;src&quot;:&quot;https:\\\/\\\/www.garciafaura.com\\\/wp-content\\\/uploads\\\/2018\\\/11\\\/Edifici-ICFO-Campus-UPC-16.jpg&quot;,&quot;title&quot;:&quot;Fermetures et passerelles pour l&#039;Institut des Sciences Photoniques dans le Campus Castelldefels&quot;},{&quot;src&quot;:&quot;https:\\\/\\\/www.garciafaura.com\\\/wp-content\\\/uploads\\\/2018\\\/11\\\/Edifici-ICFO-Campus-UPC-15.jpg&quot;,&quot;title&quot;:&quot;Fermetures et passerelles pour l&#039;Institut des Sciences Photoniques dans le Campus Castelldefels&quot;},{&quot;src&quot;:&quot;https:\\\/\\\/www.garciafaura.com\\\/wp-content\\\/uploads\\\/2018\\\/11\\\/Edifici-ICFO-Campus-UPC-14.jpg&quot;,&quot;title&quot;:&quot;Fermetures et passerelles pour l&#039;Institut des Sciences Photoniques dans le Campus Castelldefels&quot;},{&quot;src&quot;:&quot;https:\\\/\\\/www.garciafaura.com\\\/wp-content\\\/uploads\\\/2018\\\/11\\\/Edifici-ICFO-Campus-UPC-13.jpg&quot;,&quot;title&quot;:&quot;Fermetures et passerelles pour l&#039;Institut des Sciences Photoniques dans le Campus Castelldefels&quot;},{&quot;src&quot;:&quot;https:\\\/\\\/www.garciafaura.com\\\/wp-content\\\/uploads\\\/2018\\\/11\\\/Edifici-ICFO-Campus-UPC-12.jpg&quot;,&quot;title&quot;:&quot;Fermetures et passerelles pour l&#039;Institut des Sciences Photoniques dans le Campus Castelldefels&quot;},{&quot;src&quot;:&quot;https:\\\/\\\/www.garciafaura.com\\\/wp-content\\\/uploads\\\/2018\\\/11\\\/Edifici-ICFO-Campus-UPC-11.jpg&quot;,&quot;title&quot;:&quot;Fermetures et passerelles pour l&#039;Institut des Sciences Photoniques dans le Campus Castelldefels&quot;},{&quot;src&quot;:&quot;https:\\\/\\\/www.garciafaura.com\\\/wp-content\\\/uploads\\\/2018\\\/11\\\/Edifici-ICFO-Campus-UPC-10.jpg&quot;,&quot;title&quot;:&quot;Fermetures et passerelles pour l&#039;Institut des Sciences Photoniques dans le Campus Castelldefels&quot;},{&quot;src&quot;:&quot;https:\\\/\\\/www.garciafaura.com\\\/wp-content\\\/uploads\\\/2018\\\/11\\\/Edifici-ICFO-Campus-UPC-09.jpg&quot;,&quot;title&quot;:&quot;Fermetures et passerelles pour l&#039;Institut des Sciences Photoniques dans le Campus Castelldefels&quot;},{&quot;src&quot;:&quot;https:\\\/\\\/www.garciafaura.com\\\/wp-content\\\/uploads\\\/2018\\\/11\\\/Edifici-ICFO-Campus-UPC-08.jpg&quot;,&quot;title&quot;:&quot;Fermetures et passerelles pour l&#039;Institut des Sciences Photoniques dans le Campus Castelldefels&quot;},{&quot;src&quot;:&quot;https:\\\/\\\/www.garciafaura.com\\\/wp-content\\\/uploads\\\/2018\\\/11\\\/Edifici-ICFO-Campus-UPC-07.jpg&quot;,&quot;title&quot;:&quot;Fermetures et passerelles pour l&#039;Institut des Sciences Photoniques dans le Campus Castelldefels&quot;},{&quot;src&quot;:&quot;https:\\\/\\\/www.garciafaura.com\\\/wp-content\\\/uploads\\\/2018\\\/11\\\/Edifici-ICFO-Campus-UPC-06.jpg&quot;,&quot;title&quot;:&quot;Fermetures et passerelles pour l&#039;Institut des Sciences Photoniques dans le Campus Castelldefels&quot;},{&quot;src&quot;:&quot;https:\\\/\\\/www.garciafaura.com\\\/wp-content\\\/uploads\\\/2018\\\/11\\\/Edifici-ICFO-Campus-UPC-05.jpg&quot;,&quot;title&quot;:&quot;Fermetures et passerelles pour l&#039;Institut des Sciences Photoniques dans le Campus Castelldefels&quot;},{&quot;src&quot;:&quot;https:\\\/\\\/www.garciafaura.com\\\/wp-content\\\/uploads\\\/2018\\\/11\\\/Edifici-ICFO-Campus-UPC-04.jpg&quot;,&quot;title&quot;:&quot;Fermetures et passerelles pour l&#039;Institut des Sciences Photoniques dans le Campus Castelldefels&quot;},{&quot;src&quot;:&quot;https:\\\/\\\/www.garciafaura.com\\\/wp-content\\\/uploads\\\/2018\\\/11\\\/Edifici-ICFO-Campus-UPC-03.jpg&quot;,&quot;title&quot;:&quot;Fermetures et passerelles pour l&#039;Institut des Sciences Photoniques dans le Campus Castelldefels&quot;},{&quot;src&quot;:&quot;https:\\\/\\\/www.garciafaura.com\\\/wp-content\\\/uploads\\\/2018\\\/11\\\/Edifici-ICFO-Campus-UPC-02.jpg&quot;,&quot;title&quot;:&quot;Fermetures et passerelles pour l&#039;Institut des Sciences Photoniques dans le Campus Castelldefels&quot;}]\"><img loading=\"lazy\" decoding=\"async\" data-no-lazy=\"1\" class=\"portfolio-entry-img skip-lazy\" src=\"https:\/\/www.garciafaura.com\/wp-content\/uploads\/2018\/11\/Edifici-ICFO-Campus-UPC-01-600x314.jpg\" alt=\"Fermetures Et Passerelles Pour L'Institut Des Sciences Photoniques Dans Le Campus Castelldefels\" data-no-retina width=\"600\" height=\"314\" \/><\/a><\/div><div class=\"portfolio-entry-details entry-details wpex-clr\"><h2 class=\"portfolio-entry-title entry-title\"><a href=\"https:\/\/www.garciafaura.com\/fr\/portfolio-item\/immeuble-icfo-campus-upc-castelldefels\/\" title=\"Immeuble ICFO Campus UPC Castelldefels\">Immeuble ICFO Campus UPC Castelldefels<\/a><\/h2><div class=\"portfolio-entry-categories entry-categories wpex-clr\"><a href=\"https:\/\/www.garciafaura.com\/fr\/portfolio-category\/batiments-de-services\/\" class=\"term-75\">B\u00e2timents de Services<\/a><\/div><\/div><\/div><\/div><div class=\"portfolio-entry vcex-grid-item entry-has-details span_1_of_3 col col-3 vcex-isotope-entry vcex-no-margin-entry post-20494 entry type-portfolio has-media cat-93 cat-94 cat-96 translation_priority-5\"><div class=\"portfolio-entry-inner entry-inner wpex-clr\"><div class=\"portfolio-entry-media entry-media wpex-clr\"><a href=\"https:\/\/www.garciafaura.com\/wp-content\/uploads\/2018\/11\/Hotel-Sofia-Sitges-02.jpg\" title=\"H\u00f4tel Sofia\" class=\"portfolio-entry-media-link wpex-lightbox-gallery\" data-gallery=\"[{&quot;src&quot;:&quot;https:\\\/\\\/www.garciafaura.com\\\/wp-content\\\/uploads\\\/2018\\\/11\\\/Hotel-Sofia-Sitges-34.jpg&quot;,&quot;title&quot;:&quot;Fermetures et fa\\u00e7ade ext\\u00e9rieure pour cet \\u00e9tablissement h\\u00f4telier du centre de Sitges&quot;},{&quot;src&quot;:&quot;https:\\\/\\\/www.garciafaura.com\\\/wp-content\\\/uploads\\\/2018\\\/11\\\/Hotel-Sofia-Sitges-02.jpg&quot;,&quot;title&quot;:&quot;Fermetures et fa\\u00e7ade ext\\u00e9rieure pour cet \\u00e9tablissement h\\u00f4telier du centre de Sitges&quot;},{&quot;src&quot;:&quot;https:\\\/\\\/www.garciafaura.com\\\/wp-content\\\/uploads\\\/2018\\\/11\\\/Hotel-Sofia-Sitges-01.jpg&quot;,&quot;title&quot;:&quot;Fermetures et fa\\u00e7ade ext\\u00e9rieure pour cet \\u00e9tablissement h\\u00f4telier du centre de Sitges&quot;},{&quot;src&quot;:&quot;https:\\\/\\\/www.garciafaura.com\\\/wp-content\\\/uploads\\\/2018\\\/11\\\/Hotel-Sofia-Sitges-55.jpg&quot;,&quot;title&quot;:&quot;Fermetures et fa\\u00e7ade ext\\u00e9rieure pour cet \\u00e9tablissement h\\u00f4telier du centre de Sitges&quot;},{&quot;src&quot;:&quot;https:\\\/\\\/www.garciafaura.com\\\/wp-content\\\/uploads\\\/2018\\\/11\\\/Hotel-Sofia-Sitges-54.jpg&quot;,&quot;title&quot;:&quot;Fermetures et fa\\u00e7ade ext\\u00e9rieure pour cet \\u00e9tablissement h\\u00f4telier du centre de Sitges&quot;},{&quot;src&quot;:&quot;https:\\\/\\\/www.garciafaura.com\\\/wp-content\\\/uploads\\\/2018\\\/11\\\/Hotel-Sofia-Sitges-53.jpg&quot;,&quot;title&quot;:&quot;Fermetures et fa\\u00e7ade ext\\u00e9rieure pour cet \\u00e9tablissement h\\u00f4telier du centre de Sitges&quot;},{&quot;src&quot;:&quot;https:\\\/\\\/www.garciafaura.com\\\/wp-content\\\/uploads\\\/2018\\\/11\\\/Hotel-Sofia-Sitges-52.jpg&quot;,&quot;title&quot;:&quot;Fermetures et fa\\u00e7ade ext\\u00e9rieure pour cet \\u00e9tablissement h\\u00f4telier du centre de Sitges&quot;},{&quot;src&quot;:&quot;https:\\\/\\\/www.garciafaura.com\\\/wp-content\\\/uploads\\\/2018\\\/11\\\/Hotel-Sofia-Sitges-51.jpg&quot;,&quot;title&quot;:&quot;Fermetures et fa\\u00e7ade ext\\u00e9rieure pour cet \\u00e9tablissement h\\u00f4telier du centre de Sitges&quot;},{&quot;src&quot;:&quot;https:\\\/\\\/www.garciafaura.com\\\/wp-content\\\/uploads\\\/2018\\\/11\\\/Hotel-Sofia-Sitges-50.jpg&quot;,&quot;title&quot;:&quot;Fermetures et fa\\u00e7ade ext\\u00e9rieure pour cet \\u00e9tablissement h\\u00f4telier du centre de Sitges&quot;},{&quot;src&quot;:&quot;https:\\\/\\\/www.garciafaura.com\\\/wp-content\\\/uploads\\\/2018\\\/11\\\/Hotel-Sofia-Sitges-49.jpg&quot;,&quot;title&quot;:&quot;Fermetures et fa\\u00e7ade ext\\u00e9rieure pour cet \\u00e9tablissement h\\u00f4telier du centre de Sitges&quot;},{&quot;src&quot;:&quot;https:\\\/\\\/www.garciafaura.com\\\/wp-content\\\/uploads\\\/2018\\\/11\\\/Hotel-Sofia-Sitges-48.jpg&quot;,&quot;title&quot;:&quot;Fermetures et fa\\u00e7ade ext\\u00e9rieure pour cet \\u00e9tablissement h\\u00f4telier du centre de Sitges&quot;},{&quot;src&quot;:&quot;https:\\\/\\\/www.garciafaura.com\\\/wp-content\\\/uploads\\\/2018\\\/11\\\/Hotel-Sofia-Sitges-47.jpg&quot;,&quot;title&quot;:&quot;Fermetures et fa\\u00e7ade ext\\u00e9rieure pour cet \\u00e9tablissement h\\u00f4telier du centre de Sitges&quot;},{&quot;src&quot;:&quot;https:\\\/\\\/www.garciafaura.com\\\/wp-content\\\/uploads\\\/2018\\\/11\\\/Hotel-Sofia-Sitges-46.jpg&quot;,&quot;title&quot;:&quot;Fermetures et fa\\u00e7ade ext\\u00e9rieure pour cet \\u00e9tablissement h\\u00f4telier du centre de Sitges&quot;},{&quot;src&quot;:&quot;https:\\\/\\\/www.garciafaura.com\\\/wp-content\\\/uploads\\\/2018\\\/11\\\/Hotel-Sofia-Sitges-45.jpg&quot;,&quot;title&quot;:&quot;Fermetures et fa\\u00e7ade ext\\u00e9rieure pour cet \\u00e9tablissement h\\u00f4telier du centre de Sitges&quot;},{&quot;src&quot;:&quot;https:\\\/\\\/www.garciafaura.com\\\/wp-content\\\/uploads\\\/2018\\\/11\\\/Hotel-Sofia-Sitges-44.jpg&quot;,&quot;title&quot;:&quot;Fermetures et fa\\u00e7ade ext\\u00e9rieure pour cet \\u00e9tablissement h\\u00f4telier du centre de Sitges&quot;},{&quot;src&quot;:&quot;https:\\\/\\\/www.garciafaura.com\\\/wp-content\\\/uploads\\\/2018\\\/11\\\/Hotel-Sofia-Sitges-43.jpg&quot;,&quot;title&quot;:&quot;Fermetures et fa\\u00e7ade ext\\u00e9rieure pour cet \\u00e9tablissement h\\u00f4telier du centre de Sitges&quot;},{&quot;src&quot;:&quot;https:\\\/\\\/www.garciafaura.com\\\/wp-content\\\/uploads\\\/2018\\\/11\\\/Hotel-Sofia-Sitges-42.jpg&quot;,&quot;title&quot;:&quot;Fermetures et fa\\u00e7ade ext\\u00e9rieure pour cet \\u00e9tablissement h\\u00f4telier du centre de Sitges&quot;},{&quot;src&quot;:&quot;https:\\\/\\\/www.garciafaura.com\\\/wp-content\\\/uploads\\\/2018\\\/11\\\/Hotel-Sofia-Sitges-41.jpg&quot;,&quot;title&quot;:&quot;Fermetures et fa\\u00e7ade ext\\u00e9rieure pour cet \\u00e9tablissement h\\u00f4telier du centre de Sitges&quot;},{&quot;src&quot;:&quot;https:\\\/\\\/www.garciafaura.com\\\/wp-content\\\/uploads\\\/2018\\\/11\\\/Hotel-Sofia-Sitges-40.jpg&quot;,&quot;title&quot;:&quot;Fermetures et fa\\u00e7ade ext\\u00e9rieure pour cet \\u00e9tablissement h\\u00f4telier du centre de Sitges&quot;},{&quot;src&quot;:&quot;https:\\\/\\\/www.garciafaura.com\\\/wp-content\\\/uploads\\\/2018\\\/11\\\/Hotel-Sofia-Sitges-39.jpg&quot;,&quot;title&quot;:&quot;Fermetures et fa\\u00e7ade ext\\u00e9rieure pour cet \\u00e9tablissement h\\u00f4telier du centre de Sitges&quot;},{&quot;src&quot;:&quot;https:\\\/\\\/www.garciafaura.com\\\/wp-content\\\/uploads\\\/2018\\\/11\\\/Hotel-Sofia-Sitges-38.jpg&quot;,&quot;title&quot;:&quot;Fermetures et fa\\u00e7ade ext\\u00e9rieure pour cet \\u00e9tablissement h\\u00f4telier du centre de Sitges&quot;},{&quot;src&quot;:&quot;https:\\\/\\\/www.garciafaura.com\\\/wp-content\\\/uploads\\\/2018\\\/11\\\/Hotel-Sofia-Sitges-37.jpg&quot;,&quot;title&quot;:&quot;Fermetures et fa\\u00e7ade ext\\u00e9rieure pour cet \\u00e9tablissement h\\u00f4telier du centre de Sitges&quot;},{&quot;src&quot;:&quot;https:\\\/\\\/www.garciafaura.com\\\/wp-content\\\/uploads\\\/2018\\\/11\\\/Hotel-Sofia-Sitges-36.jpg&quot;,&quot;title&quot;:&quot;Fermetures et fa\\u00e7ade ext\\u00e9rieure pour cet \\u00e9tablissement h\\u00f4telier du centre de Sitges&quot;},{&quot;src&quot;:&quot;https:\\\/\\\/www.garciafaura.com\\\/wp-content\\\/uploads\\\/2018\\\/11\\\/Hotel-Sofia-Sitges-35.jpg&quot;,&quot;title&quot;:&quot;Fermetures et fa\\u00e7ade ext\\u00e9rieure pour cet \\u00e9tablissement h\\u00f4telier du centre de Sitges&quot;},{&quot;src&quot;:&quot;https:\\\/\\\/www.garciafaura.com\\\/wp-content\\\/uploads\\\/2018\\\/11\\\/Hotel-Sofia-Sitges-33.jpg&quot;,&quot;title&quot;:&quot;Fermetures et fa\\u00e7ade ext\\u00e9rieure pour cet \\u00e9tablissement h\\u00f4telier du centre de Sitges&quot;},{&quot;src&quot;:&quot;https:\\\/\\\/www.garciafaura.com\\\/wp-content\\\/uploads\\\/2018\\\/11\\\/Hotel-Sofia-Sitges-32.jpg&quot;,&quot;title&quot;:&quot;Fermetures et fa\\u00e7ade ext\\u00e9rieure pour cet \\u00e9tablissement h\\u00f4telier du centre de Sitges&quot;},{&quot;src&quot;:&quot;https:\\\/\\\/www.garciafaura.com\\\/wp-content\\\/uploads\\\/2018\\\/11\\\/Hotel-Sofia-Sitges-31.jpg&quot;,&quot;title&quot;:&quot;Fermetures et fa\\u00e7ade ext\\u00e9rieure pour cet \\u00e9tablissement h\\u00f4telier du centre de Sitges&quot;},{&quot;src&quot;:&quot;https:\\\/\\\/www.garciafaura.com\\\/wp-content\\\/uploads\\\/2018\\\/11\\\/Hotel-Sofia-Sitges-30.jpg&quot;,&quot;title&quot;:&quot;Fermetures et fa\\u00e7ade ext\\u00e9rieure pour cet \\u00e9tablissement h\\u00f4telier du centre de Sitges&quot;},{&quot;src&quot;:&quot;https:\\\/\\\/www.garciafaura.com\\\/wp-content\\\/uploads\\\/2018\\\/11\\\/Hotel-Sofia-Sitges-29.jpg&quot;,&quot;title&quot;:&quot;Fermetures et fa\\u00e7ade ext\\u00e9rieure pour cet \\u00e9tablissement h\\u00f4telier du centre de Sitges&quot;},{&quot;src&quot;:&quot;https:\\\/\\\/www.garciafaura.com\\\/wp-content\\\/uploads\\\/2018\\\/11\\\/Hotel-Sofia-Sitges-28.jpg&quot;,&quot;title&quot;:&quot;Fermetures et fa\\u00e7ade ext\\u00e9rieure pour cet \\u00e9tablissement h\\u00f4telier du centre de Sitges&quot;},{&quot;src&quot;:&quot;https:\\\/\\\/www.garciafaura.com\\\/wp-content\\\/uploads\\\/2018\\\/11\\\/Hotel-Sofia-Sitges-27.jpg&quot;,&quot;title&quot;:&quot;Fermetures et fa\\u00e7ade ext\\u00e9rieure pour cet \\u00e9tablissement h\\u00f4telier du centre de Sitges&quot;},{&quot;src&quot;:&quot;https:\\\/\\\/www.garciafaura.com\\\/wp-content\\\/uploads\\\/2018\\\/11\\\/Hotel-Sofia-Sitges-26.jpg&quot;,&quot;title&quot;:&quot;Fermetures et fa\\u00e7ade ext\\u00e9rieure pour cet \\u00e9tablissement h\\u00f4telier du centre de Sitges&quot;},{&quot;src&quot;:&quot;https:\\\/\\\/www.garciafaura.com\\\/wp-content\\\/uploads\\\/2018\\\/11\\\/Hotel-Sofia-Sitges-25.jpg&quot;,&quot;title&quot;:&quot;Fermetures et fa\\u00e7ade ext\\u00e9rieure pour cet \\u00e9tablissement h\\u00f4telier du centre de Sitges&quot;},{&quot;src&quot;:&quot;https:\\\/\\\/www.garciafaura.com\\\/wp-content\\\/uploads\\\/2018\\\/11\\\/Hotel-Sofia-Sitges-24.jpg&quot;,&quot;title&quot;:&quot;Fermetures et fa\\u00e7ade ext\\u00e9rieure pour cet \\u00e9tablissement h\\u00f4telier du centre de Sitges&quot;},{&quot;src&quot;:&quot;https:\\\/\\\/www.garciafaura.com\\\/wp-content\\\/uploads\\\/2018\\\/11\\\/Hotel-Sofia-Sitges-23.jpg&quot;,&quot;title&quot;:&quot;Fermetures et fa\\u00e7ade ext\\u00e9rieure pour cet \\u00e9tablissement h\\u00f4telier du centre de Sitges&quot;},{&quot;src&quot;:&quot;https:\\\/\\\/www.garciafaura.com\\\/wp-content\\\/uploads\\\/2018\\\/11\\\/Hotel-Sofia-Sitges-22.jpg&quot;,&quot;title&quot;:&quot;Fermetures et fa\\u00e7ade ext\\u00e9rieure pour cet \\u00e9tablissement h\\u00f4telier du centre de Sitges&quot;},{&quot;src&quot;:&quot;https:\\\/\\\/www.garciafaura.com\\\/wp-content\\\/uploads\\\/2018\\\/11\\\/Hotel-Sofia-Sitges-21.jpg&quot;,&quot;title&quot;:&quot;Fermetures et fa\\u00e7ade ext\\u00e9rieure pour cet \\u00e9tablissement h\\u00f4telier du centre de Sitges&quot;},{&quot;src&quot;:&quot;https:\\\/\\\/www.garciafaura.com\\\/wp-content\\\/uploads\\\/2018\\\/11\\\/Hotel-Sofia-Sitges-20.jpg&quot;,&quot;title&quot;:&quot;Fermetures et fa\\u00e7ade ext\\u00e9rieure pour cet \\u00e9tablissement h\\u00f4telier du centre de Sitges&quot;},{&quot;src&quot;:&quot;https:\\\/\\\/www.garciafaura.com\\\/wp-content\\\/uploads\\\/2018\\\/11\\\/Hotel-Sofia-Sitges-19.jpg&quot;,&quot;title&quot;:&quot;Fermetures et fa\\u00e7ade ext\\u00e9rieure pour cet \\u00e9tablissement h\\u00f4telier du centre de Sitges&quot;},{&quot;src&quot;:&quot;https:\\\/\\\/www.garciafaura.com\\\/wp-content\\\/uploads\\\/2018\\\/11\\\/Hotel-Sofia-Sitges-18.jpg&quot;,&quot;title&quot;:&quot;Fermetures et fa\\u00e7ade ext\\u00e9rieure pour cet \\u00e9tablissement h\\u00f4telier du centre de Sitges&quot;},{&quot;src&quot;:&quot;https:\\\/\\\/www.garciafaura.com\\\/wp-content\\\/uploads\\\/2018\\\/11\\\/Hotel-Sofia-Sitges-17.jpg&quot;,&quot;title&quot;:&quot;Fermetures et fa\\u00e7ade ext\\u00e9rieure pour cet \\u00e9tablissement h\\u00f4telier du centre de Sitges&quot;},{&quot;src&quot;:&quot;https:\\\/\\\/www.garciafaura.com\\\/wp-content\\\/uploads\\\/2018\\\/11\\\/Hotel-Sofia-Sitges-16.jpg&quot;,&quot;title&quot;:&quot;Fermetures et fa\\u00e7ade ext\\u00e9rieure pour cet \\u00e9tablissement h\\u00f4telier du centre de Sitges&quot;},{&quot;src&quot;:&quot;https:\\\/\\\/www.garciafaura.com\\\/wp-content\\\/uploads\\\/2018\\\/11\\\/Hotel-Sofia-Sitges-15.jpg&quot;,&quot;title&quot;:&quot;Fermetures et fa\\u00e7ade ext\\u00e9rieure pour cet \\u00e9tablissement h\\u00f4telier du centre de Sitges&quot;},{&quot;src&quot;:&quot;https:\\\/\\\/www.garciafaura.com\\\/wp-content\\\/uploads\\\/2018\\\/11\\\/Hotel-Sofia-Sitges-14.jpg&quot;,&quot;title&quot;:&quot;Fermetures et fa\\u00e7ade ext\\u00e9rieure pour cet \\u00e9tablissement h\\u00f4telier du centre de Sitges&quot;},{&quot;src&quot;:&quot;https:\\\/\\\/www.garciafaura.com\\\/wp-content\\\/uploads\\\/2018\\\/11\\\/Hotel-Sofia-Sitges-13.jpg&quot;,&quot;title&quot;:&quot;Fermetures et fa\\u00e7ade ext\\u00e9rieure pour cet \\u00e9tablissement h\\u00f4telier du centre de Sitges&quot;},{&quot;src&quot;:&quot;https:\\\/\\\/www.garciafaura.com\\\/wp-content\\\/uploads\\\/2018\\\/11\\\/Hotel-Sofia-Sitges-12.jpg&quot;,&quot;title&quot;:&quot;Fermetures et fa\\u00e7ade ext\\u00e9rieure pour cet \\u00e9tablissement h\\u00f4telier du centre de Sitges&quot;},{&quot;src&quot;:&quot;https:\\\/\\\/www.garciafaura.com\\\/wp-content\\\/uploads\\\/2018\\\/11\\\/Hotel-Sofia-Sitges-11.jpg&quot;,&quot;title&quot;:&quot;Fermetures et fa\\u00e7ade ext\\u00e9rieure pour cet \\u00e9tablissement h\\u00f4telier du centre de Sitges&quot;},{&quot;src&quot;:&quot;https:\\\/\\\/www.garciafaura.com\\\/wp-content\\\/uploads\\\/2018\\\/11\\\/Hotel-Sofia-Sitges-10.jpg&quot;,&quot;title&quot;:&quot;Fermetures et fa\\u00e7ade ext\\u00e9rieure pour cet \\u00e9tablissement h\\u00f4telier du centre de Sitges&quot;},{&quot;src&quot;:&quot;https:\\\/\\\/www.garciafaura.com\\\/wp-content\\\/uploads\\\/2018\\\/11\\\/Hotel-Sofia-Sitges-09.jpg&quot;,&quot;title&quot;:&quot;Fermetures et fa\\u00e7ade ext\\u00e9rieure pour cet \\u00e9tablissement h\\u00f4telier du centre de Sitges&quot;},{&quot;src&quot;:&quot;https:\\\/\\\/www.garciafaura.com\\\/wp-content\\\/uploads\\\/2018\\\/11\\\/Hotel-Sofia-Sitges-08.jpg&quot;,&quot;title&quot;:&quot;Fermetures et fa\\u00e7ade ext\\u00e9rieure pour cet \\u00e9tablissement h\\u00f4telier du centre de Sitges&quot;},{&quot;src&quot;:&quot;https:\\\/\\\/www.garciafaura.com\\\/wp-content\\\/uploads\\\/2018\\\/11\\\/Hotel-Sofia-Sitges-07.jpg&quot;,&quot;title&quot;:&quot;Fermetures et fa\\u00e7ade ext\\u00e9rieure pour cet \\u00e9tablissement h\\u00f4telier du centre de Sitges&quot;},{&quot;src&quot;:&quot;https:\\\/\\\/www.garciafaura.com\\\/wp-content\\\/uploads\\\/2018\\\/11\\\/Hotel-Sofia-Sitges-06.jpg&quot;,&quot;title&quot;:&quot;Fermetures et fa\\u00e7ade ext\\u00e9rieure pour cet \\u00e9tablissement h\\u00f4telier du centre de Sitges&quot;},{&quot;src&quot;:&quot;https:\\\/\\\/www.garciafaura.com\\\/wp-content\\\/uploads\\\/2018\\\/11\\\/Hotel-Sofia-Sitges-05.jpg&quot;,&quot;title&quot;:&quot;Fermetures et fa\\u00e7ade ext\\u00e9rieure pour cet \\u00e9tablissement h\\u00f4telier du centre de Sitges&quot;},{&quot;src&quot;:&quot;https:\\\/\\\/www.garciafaura.com\\\/wp-content\\\/uploads\\\/2018\\\/11\\\/Hotel-Sofia-Sitges-04.jpg&quot;,&quot;title&quot;:&quot;Fermetures et fa\\u00e7ade ext\\u00e9rieure pour cet \\u00e9tablissement h\\u00f4telier du centre de Sitges&quot;},{&quot;src&quot;:&quot;https:\\\/\\\/www.garciafaura.com\\\/wp-content\\\/uploads\\\/2018\\\/11\\\/Hotel-Sofia-Sitges-03.jpg&quot;,&quot;title&quot;:&quot;Fermetures et fa\\u00e7ade ext\\u00e9rieure pour cet \\u00e9tablissement h\\u00f4telier du centre de Sitges&quot;}]\"><img loading=\"lazy\" decoding=\"async\" data-no-lazy=\"1\" class=\"portfolio-entry-img skip-lazy\" src=\"https:\/\/www.garciafaura.com\/wp-content\/uploads\/2018\/11\/Hotel-Sofia-Sitges-02-600x314.jpg\" alt=\"Fermetures Et Fa\u00e7ade Ext\u00e9rieure Pour Cet \u00e9tablissement H\u00f4telier Du Centre De Sitges\" data-no-retina width=\"600\" height=\"314\" \/><\/a><\/div><div class=\"portfolio-entry-details entry-details wpex-clr\"><h2 class=\"portfolio-entry-title entry-title\"><a href=\"https:\/\/www.garciafaura.com\/fr\/portfolio-item\/hotel-sofia\/\" title=\"H\u00f4tel Sofia\">H\u00f4tel Sofia<\/a><\/h2><div class=\"portfolio-entry-categories entry-categories wpex-clr\"><a href=\"https:\/\/www.garciafaura.com\/fr\/portfolio-category\/facades-fr\/\" class=\"term-93\">Fa\u00e7ades<\/a><\/div><\/div><\/div><\/div><div class=\"portfolio-entry vcex-grid-item entry-has-details span_1_of_3 col col-1 vcex-isotope-entry vcex-no-margin-entry post-20479 entry type-portfolio has-media cat-75 cat-92 cat-93 cat-95 translation_priority-5\"><div class=\"portfolio-entry-inner entry-inner wpex-clr\"><div class=\"portfolio-entry-media entry-media wpex-clr\"><a href=\"https:\/\/www.garciafaura.com\/wp-content\/uploads\/2018\/11\/Centre-Tecnolo\u0300gic-Manresa-19.jpg\" title=\"CTM Centre Techonologique de Manresa\" class=\"portfolio-entry-media-link wpex-lightbox-gallery\" data-gallery=\"[{&quot;src&quot;:&quot;https:\\\/\\\/www.garciafaura.com\\\/wp-content\\\/uploads\\\/2018\\\/11\\\/Centre-Tecnolo\\u0300gic-Manresa-01.jpg&quot;,&quot;title&quot;:&quot;Fabrication et installation de fermetures, mur-rideau et rev\\u00eatement de fa\\u00e7ade&quot;},{&quot;src&quot;:&quot;https:\\\/\\\/www.garciafaura.com\\\/wp-content\\\/uploads\\\/2018\\\/11\\\/Centre-Tecnolo\\u0300gic-Manresa-19.jpg&quot;,&quot;title&quot;:&quot;Fabrication et installation de fermetures, mur-rideau et rev\\u00eatement de fa\\u00e7ade&quot;},{&quot;src&quot;:&quot;https:\\\/\\\/www.garciafaura.com\\\/wp-content\\\/uploads\\\/2018\\\/11\\\/Centre-Tecnolo\\u0300gic-Manresa-18.jpg&quot;,&quot;title&quot;:&quot;Fabrication et installation de fermetures, mur-rideau et rev\\u00eatement de fa\\u00e7ade&quot;},{&quot;src&quot;:&quot;https:\\\/\\\/www.garciafaura.com\\\/wp-content\\\/uploads\\\/2018\\\/11\\\/Centre-Tecnolo\\u0300gic-Manresa-17.jpg&quot;,&quot;title&quot;:&quot;Fabrication et installation de fermetures, mur-rideau et rev\\u00eatement de fa\\u00e7ade&quot;},{&quot;src&quot;:&quot;https:\\\/\\\/www.garciafaura.com\\\/wp-content\\\/uploads\\\/2018\\\/11\\\/Centre-Tecnolo\\u0300gic-Manresa-16.jpg&quot;,&quot;title&quot;:&quot;Fabrication et installation de fermetures, mur-rideau et rev\\u00eatement de fa\\u00e7ade&quot;},{&quot;src&quot;:&quot;https:\\\/\\\/www.garciafaura.com\\\/wp-content\\\/uploads\\\/2018\\\/11\\\/Centre-Tecnolo\\u0300gic-Manresa-15.jpg&quot;,&quot;title&quot;:&quot;Fabrication et installation de fermetures, mur-rideau et rev\\u00eatement de fa\\u00e7ade&quot;},{&quot;src&quot;:&quot;https:\\\/\\\/www.garciafaura.com\\\/wp-content\\\/uploads\\\/2018\\\/11\\\/Centre-Tecnolo\\u0300gic-Manresa-14.jpg&quot;,&quot;title&quot;:&quot;Fabrication et installation de fermetures, mur-rideau et rev\\u00eatement de fa\\u00e7ade&quot;},{&quot;src&quot;:&quot;https:\\\/\\\/www.garciafaura.com\\\/wp-content\\\/uploads\\\/2018\\\/11\\\/Centre-Tecnolo\\u0300gic-Manresa-13.jpg&quot;,&quot;title&quot;:&quot;Fabrication et installation de fermetures, mur-rideau et rev\\u00eatement de fa\\u00e7ade&quot;},{&quot;src&quot;:&quot;https:\\\/\\\/www.garciafaura.com\\\/wp-content\\\/uploads\\\/2018\\\/11\\\/Centre-Tecnolo\\u0300gic-Manresa-12.jpg&quot;,&quot;title&quot;:&quot;Fabrication et installation de fermetures, mur-rideau et rev\\u00eatement de fa\\u00e7ade&quot;},{&quot;src&quot;:&quot;https:\\\/\\\/www.garciafaura.com\\\/wp-content\\\/uploads\\\/2018\\\/11\\\/Centre-Tecnolo\\u0300gic-Manresa-11.jpg&quot;,&quot;title&quot;:&quot;Fabrication et installation de fermetures, mur-rideau et rev\\u00eatement de fa\\u00e7ade&quot;},{&quot;src&quot;:&quot;https:\\\/\\\/www.garciafaura.com\\\/wp-content\\\/uploads\\\/2018\\\/11\\\/Centre-Tecnolo\\u0300gic-Manresa-10.jpg&quot;,&quot;title&quot;:&quot;Fabrication et installation de fermetures, mur-rideau et rev\\u00eatement de fa\\u00e7ade&quot;},{&quot;src&quot;:&quot;https:\\\/\\\/www.garciafaura.com\\\/wp-content\\\/uploads\\\/2018\\\/11\\\/Centre-Tecnolo\\u0300gic-Manresa-09.jpg&quot;,&quot;title&quot;:&quot;Fabrication et installation de fermetures, mur-rideau et rev\\u00eatement de fa\\u00e7ade&quot;},{&quot;src&quot;:&quot;https:\\\/\\\/www.garciafaura.com\\\/wp-content\\\/uploads\\\/2018\\\/11\\\/Centre-Tecnolo\\u0300gic-Manresa-08.jpg&quot;,&quot;title&quot;:&quot;Fabrication et installation de fermetures, mur-rideau et rev\\u00eatement de fa\\u00e7ade&quot;},{&quot;src&quot;:&quot;https:\\\/\\\/www.garciafaura.com\\\/wp-content\\\/uploads\\\/2018\\\/11\\\/Centre-Tecnolo\\u0300gic-Manresa-07.jpg&quot;,&quot;title&quot;:&quot;Fabrication et installation de fermetures, mur-rideau et rev\\u00eatement de fa\\u00e7ade&quot;},{&quot;src&quot;:&quot;https:\\\/\\\/www.garciafaura.com\\\/wp-content\\\/uploads\\\/2018\\\/11\\\/Centre-Tecnolo\\u0300gic-Manresa-06.jpg&quot;,&quot;title&quot;:&quot;Fabrication et installation de fermetures, mur-rideau et rev\\u00eatement de fa\\u00e7ade&quot;},{&quot;src&quot;:&quot;https:\\\/\\\/www.garciafaura.com\\\/wp-content\\\/uploads\\\/2018\\\/11\\\/Centre-Tecnolo\\u0300gic-Manresa-05.jpg&quot;,&quot;title&quot;:&quot;Fabrication et installation de fermetures, mur-rideau et rev\\u00eatement de fa\\u00e7ade&quot;},{&quot;src&quot;:&quot;https:\\\/\\\/www.garciafaura.com\\\/wp-content\\\/uploads\\\/2018\\\/11\\\/Centre-Tecnolo\\u0300gic-Manresa-04.jpg&quot;,&quot;title&quot;:&quot;Fabrication et installation de fermetures, mur-rideau et rev\\u00eatement de fa\\u00e7ade&quot;},{&quot;src&quot;:&quot;https:\\\/\\\/www.garciafaura.com\\\/wp-content\\\/uploads\\\/2018\\\/11\\\/Centre-Tecnolo\\u0300gic-Manresa-03.jpg&quot;,&quot;title&quot;:&quot;Fabrication et installation de fermetures, mur-rideau et rev\\u00eatement de fa\\u00e7ade&quot;},{&quot;src&quot;:&quot;https:\\\/\\\/www.garciafaura.com\\\/wp-content\\\/uploads\\\/2018\\\/11\\\/Centre-Tecnolo\\u0300gic-Manresa-02.jpg&quot;,&quot;title&quot;:&quot;Fabrication et installation de fermetures, mur-rideau et rev\\u00eatement de fa\\u00e7ade&quot;}]\"><img loading=\"lazy\" decoding=\"async\" data-no-lazy=\"1\" class=\"portfolio-entry-img skip-lazy\" src=\"https:\/\/www.garciafaura.com\/wp-content\/uploads\/2018\/11\/Centre-Tecnolo\u0300gic-Manresa-19-600x314.jpg\" alt=\"Fabrication Et Installation De Fermetures, Mur-rideau Et Rev\u00eatement De Fa\u00e7ade\" data-no-retina width=\"600\" height=\"314\" \/><\/a><\/div><div class=\"portfolio-entry-details entry-details wpex-clr\"><h2 class=\"portfolio-entry-title entry-title\"><a href=\"https:\/\/www.garciafaura.com\/fr\/portfolio-item\/ctm-centre-techonologique-de-manresa\/\" title=\"CTM Centre Techonologique de Manresa\">CTM Centre Techonologique de Manresa<\/a><\/h2><div class=\"portfolio-entry-categories entry-categories wpex-clr\"><a href=\"https:\/\/www.garciafaura.com\/fr\/portfolio-category\/batiments-de-services\/\" class=\"term-75\">B\u00e2timents de Services<\/a><\/div><\/div><\/div><\/div><div class=\"portfolio-entry vcex-grid-item entry-has-details span_1_of_3 col col-2 vcex-isotope-entry vcex-no-margin-entry post-20467 entry type-portfolio has-media cat-69 cat-93 cat-97 cat-98 translation_priority-5\"><div class=\"portfolio-entry-inner entry-inner wpex-clr\"><div class=\"portfolio-entry-media entry-media wpex-clr\"><a href=\"https:\/\/www.garciafaura.com\/wp-content\/uploads\/2018\/11\/Colombia-Centro-Empresarial-99-01.jpg\" title=\"Centre d&rsquo;affaires 99\" class=\"portfolio-entry-media-link wpex-lightbox-gallery\" data-gallery=\"[{&quot;src&quot;:&quot;https:\\\/\\\/www.garciafaura.com\\\/wp-content\\\/uploads\\\/2018\\\/11\\\/Colombia-Centro-Empresarial-99-01.jpg&quot;,&quot;title&quot;:&quot;Plus de 1400 m\\u00b2 de mur-rideau de capot horizontal de type aile d&#039;avion&quot;},{&quot;src&quot;:&quot;https:\\\/\\\/www.garciafaura.com\\\/wp-content\\\/uploads\\\/2018\\\/11\\\/Colombia-Centro-Empresarial-99-19.jpg&quot;,&quot;title&quot;:&quot;Plus de 1400 m\\u00b2 de mur-rideau de capot horizontal de type aile d&#039;avion&quot;},{&quot;src&quot;:&quot;https:\\\/\\\/www.garciafaura.com\\\/wp-content\\\/uploads\\\/2018\\\/11\\\/Colombia-Centro-Empresarial-99-18.jpg&quot;,&quot;title&quot;:&quot;Plus de 1400 m\\u00b2 de mur-rideau de capot horizontal de type aile d&#039;avion&quot;},{&quot;src&quot;:&quot;https:\\\/\\\/www.garciafaura.com\\\/wp-content\\\/uploads\\\/2018\\\/11\\\/Colombia-Centro-Empresarial-99-17.jpg&quot;,&quot;title&quot;:&quot;Plus de 1400 m\\u00b2 de mur-rideau de capot horizontal de type aile d&#039;avion&quot;},{&quot;src&quot;:&quot;https:\\\/\\\/www.garciafaura.com\\\/wp-content\\\/uploads\\\/2018\\\/11\\\/Colombia-Centro-Empresarial-99-16.jpg&quot;,&quot;title&quot;:&quot;Plus de 1400 m\\u00b2 de mur-rideau de capot horizontal de type aile d&#039;avion&quot;},{&quot;src&quot;:&quot;https:\\\/\\\/www.garciafaura.com\\\/wp-content\\\/uploads\\\/2018\\\/11\\\/Colombia-Centro-Empresarial-99-15.jpg&quot;,&quot;title&quot;:&quot;Plus de 1400 m\\u00b2 de mur-rideau de capot horizontal de type aile d&#039;avion&quot;},{&quot;src&quot;:&quot;https:\\\/\\\/www.garciafaura.com\\\/wp-content\\\/uploads\\\/2018\\\/11\\\/Colombia-Centro-Empresarial-99-14.jpg&quot;,&quot;title&quot;:&quot;Plus de 1400 m\\u00b2 de mur-rideau de capot horizontal de type aile d&#039;avion&quot;},{&quot;src&quot;:&quot;https:\\\/\\\/www.garciafaura.com\\\/wp-content\\\/uploads\\\/2018\\\/11\\\/Colombia-Centro-Empresarial-99-13.jpg&quot;,&quot;title&quot;:&quot;Plus de 1400 m\\u00b2 de mur-rideau de capot horizontal de type aile d&#039;avion&quot;},{&quot;src&quot;:&quot;https:\\\/\\\/www.garciafaura.com\\\/wp-content\\\/uploads\\\/2018\\\/11\\\/Colombia-Centro-Empresarial-99-12.jpg&quot;,&quot;title&quot;:&quot;Plus de 1400 m\\u00b2 de mur-rideau de capot horizontal de type aile d&#039;avion&quot;},{&quot;src&quot;:&quot;https:\\\/\\\/www.garciafaura.com\\\/wp-content\\\/uploads\\\/2018\\\/11\\\/Colombia-Centro-Empresarial-99-11.jpg&quot;,&quot;title&quot;:&quot;Plus de 1400 m\\u00b2 de mur-rideau de capot horizontal de type aile d&#039;avion&quot;},{&quot;src&quot;:&quot;https:\\\/\\\/www.garciafaura.com\\\/wp-content\\\/uploads\\\/2018\\\/11\\\/Colombia-Centro-Empresarial-99-10.jpg&quot;,&quot;title&quot;:&quot;Plus de 1400 m\\u00b2 de mur-rideau de capot horizontal de type aile d&#039;avion&quot;},{&quot;src&quot;:&quot;https:\\\/\\\/www.garciafaura.com\\\/wp-content\\\/uploads\\\/2018\\\/11\\\/Colombia-Centro-Empresarial-99-09.jpg&quot;,&quot;title&quot;:&quot;Plus de 1400 m\\u00b2 de mur-rideau de capot horizontal de type aile d&#039;avion&quot;},{&quot;src&quot;:&quot;https:\\\/\\\/www.garciafaura.com\\\/wp-content\\\/uploads\\\/2018\\\/11\\\/Colombia-Centro-Empresarial-99-08.jpg&quot;,&quot;title&quot;:&quot;Plus de 1400 m\\u00b2 de mur-rideau de capot horizontal de type aile d&#039;avion&quot;},{&quot;src&quot;:&quot;https:\\\/\\\/www.garciafaura.com\\\/wp-content\\\/uploads\\\/2018\\\/11\\\/Colombia-Centro-Empresarial-99-07.jpg&quot;,&quot;title&quot;:&quot;Plus de 1400 m\\u00b2 de mur-rideau de capot horizontal de type aile d&#039;avion&quot;},{&quot;src&quot;:&quot;https:\\\/\\\/www.garciafaura.com\\\/wp-content\\\/uploads\\\/2018\\\/11\\\/Colombia-Centro-Empresarial-99-06.jpg&quot;,&quot;title&quot;:&quot;Plus de 1400 m\\u00b2 de mur-rideau de capot horizontal de type aile d&#039;avion&quot;},{&quot;src&quot;:&quot;https:\\\/\\\/www.garciafaura.com\\\/wp-content\\\/uploads\\\/2018\\\/11\\\/Colombia-Centro-Empresarial-99-05.jpg&quot;,&quot;title&quot;:&quot;Plus de 1400 m\\u00b2 de mur-rideau de capot horizontal de type aile d&#039;avion&quot;},{&quot;src&quot;:&quot;https:\\\/\\\/www.garciafaura.com\\\/wp-content\\\/uploads\\\/2018\\\/11\\\/Colombia-Centro-Empresarial-99-04.jpg&quot;,&quot;title&quot;:&quot;Plus de 1400 m\\u00b2 de mur-rideau de capot horizontal de type aile d&#039;avion&quot;},{&quot;src&quot;:&quot;https:\\\/\\\/www.garciafaura.com\\\/wp-content\\\/uploads\\\/2018\\\/11\\\/Colombia-Centro-Empresarial-99-03.jpg&quot;,&quot;title&quot;:&quot;Plus de 1400 m\\u00b2 de mur-rideau de capot horizontal de type aile d&#039;avion&quot;},{&quot;src&quot;:&quot;https:\\\/\\\/www.garciafaura.com\\\/wp-content\\\/uploads\\\/2018\\\/11\\\/Colombia-Centro-Empresarial-99-02.jpg&quot;,&quot;title&quot;:&quot;Plus de 1400 m\\u00b2 de mur-rideau de capot horizontal de type aile d&#039;avion&quot;}]\"><img loading=\"lazy\" decoding=\"async\" data-no-lazy=\"1\" class=\"portfolio-entry-img skip-lazy\" src=\"https:\/\/www.garciafaura.com\/wp-content\/uploads\/2018\/11\/Colombia-Centro-Empresarial-99-01-600x314.jpg\" alt=\"Plus De 1400 M\u00b2 De Mur-rideau De Capot Horizontal De Type Aile D'avion\" data-no-retina width=\"600\" height=\"314\" \/><\/a><\/div><div class=\"portfolio-entry-details entry-details wpex-clr\"><h2 class=\"portfolio-entry-title entry-title\"><a href=\"https:\/\/www.garciafaura.com\/fr\/portfolio-item\/centre-daffaires-99\/\" title=\"Centre d&rsquo;affaires 99\">Centre d&rsquo;affaires 99<\/a><\/h2><div class=\"portfolio-entry-categories entry-categories wpex-clr\"><a href=\"https:\/\/www.garciafaura.com\/fr\/portfolio-category\/batiments-corporatifs\/\" class=\"term-69\">B\u00e2timents Corporatifs<\/a><\/div><\/div><\/div><\/div><div class=\"portfolio-entry vcex-grid-item entry-has-details span_1_of_3 col col-3 vcex-isotope-entry vcex-no-margin-entry post-20464 entry type-portfolio has-media cat-93 cat-90 cat-101 translation_priority-5\"><div class=\"portfolio-entry-inner entry-inner wpex-clr\"><div class=\"portfolio-entry-media entry-media wpex-clr\"><a href=\"https:\/\/www.garciafaura.com\/wp-content\/uploads\/2018\/11\/Rehabilitacio\u0301-Mercat-del-Ninot-01.jpg\" title=\"R\u00e9am\u00e9nagement March\u00e9 du Ninot\" class=\"portfolio-entry-media-link wpex-lightbox-gallery\" data-gallery=\"[{&quot;src&quot;:&quot;https:\\\/\\\/www.garciafaura.com\\\/wp-content\\\/uploads\\\/2018\\\/11\\\/Rehabilitacio\\u0301-Mercat-del-Ninot-01.jpg&quot;,&quot;title&quot;:&quot;Fa\\u00e7ade et fermetures ext\\u00e9rieures pour cet embl\\u00e9matique march\\u00e9 de Barcelone&quot;},{&quot;src&quot;:&quot;https:\\\/\\\/www.garciafaura.com\\\/wp-content\\\/uploads\\\/2018\\\/11\\\/Rehabilitacio\\u0301-Mercat-del-Ninot-10.jpg&quot;,&quot;title&quot;:&quot;Fa\\u00e7ade et fermetures ext\\u00e9rieures pour cet embl\\u00e9matique march\\u00e9 de Barcelone&quot;},{&quot;src&quot;:&quot;https:\\\/\\\/www.garciafaura.com\\\/wp-content\\\/uploads\\\/2018\\\/11\\\/Rehabilitacio\\u0301-Mercat-del-Ninot-09.jpg&quot;,&quot;title&quot;:&quot;Fa\\u00e7ade et fermetures ext\\u00e9rieures pour cet embl\\u00e9matique march\\u00e9 de Barcelone&quot;},{&quot;src&quot;:&quot;https:\\\/\\\/www.garciafaura.com\\\/wp-content\\\/uploads\\\/2018\\\/11\\\/Rehabilitacio\\u0301-Mercat-del-Ninot-08.jpg&quot;,&quot;title&quot;:&quot;Fa\\u00e7ade et fermetures ext\\u00e9rieures pour cet embl\\u00e9matique march\\u00e9 de Barcelone&quot;},{&quot;src&quot;:&quot;https:\\\/\\\/www.garciafaura.com\\\/wp-content\\\/uploads\\\/2018\\\/11\\\/Rehabilitacio\\u0301-Mercat-del-Ninot-07.jpg&quot;,&quot;title&quot;:&quot;Fa\\u00e7ade et fermetures ext\\u00e9rieures pour cet embl\\u00e9matique march\\u00e9 de Barcelone&quot;},{&quot;src&quot;:&quot;https:\\\/\\\/www.garciafaura.com\\\/wp-content\\\/uploads\\\/2018\\\/11\\\/Rehabilitacio\\u0301-Mercat-del-Ninot-06.jpg&quot;,&quot;title&quot;:&quot;Fa\\u00e7ade et fermetures ext\\u00e9rieures pour cet embl\\u00e9matique march\\u00e9 de Barcelone&quot;},{&quot;src&quot;:&quot;https:\\\/\\\/www.garciafaura.com\\\/wp-content\\\/uploads\\\/2018\\\/11\\\/Rehabilitacio\\u0301-Mercat-del-Ninot-05.jpg&quot;,&quot;title&quot;:&quot;Fa\\u00e7ade et fermetures ext\\u00e9rieures pour cet embl\\u00e9matique march\\u00e9 de Barcelone&quot;},{&quot;src&quot;:&quot;https:\\\/\\\/www.garciafaura.com\\\/wp-content\\\/uploads\\\/2018\\\/11\\\/Rehabilitacio\\u0301-Mercat-del-Ninot-04.jpg&quot;,&quot;title&quot;:&quot;Fa\\u00e7ade et fermetures ext\\u00e9rieures pour cet embl\\u00e9matique march\\u00e9 de Barcelone&quot;},{&quot;src&quot;:&quot;https:\\\/\\\/www.garciafaura.com\\\/wp-content\\\/uploads\\\/2018\\\/11\\\/Rehabilitacio\\u0301-Mercat-del-Ninot-03.jpg&quot;,&quot;title&quot;:&quot;Fa\\u00e7ade et fermetures ext\\u00e9rieures pour cet embl\\u00e9matique march\\u00e9 de Barcelone&quot;},{&quot;src&quot;:&quot;https:\\\/\\\/www.garciafaura.com\\\/wp-content\\\/uploads\\\/2018\\\/11\\\/Rehabilitacio\\u0301-Mercat-del-Ninot-02.jpg&quot;,&quot;title&quot;:&quot;Fa\\u00e7ade et fermetures ext\\u00e9rieures pour cet embl\\u00e9matique march\\u00e9 de Barcelone&quot;}]\"><img loading=\"lazy\" decoding=\"async\" data-no-lazy=\"1\" class=\"portfolio-entry-img skip-lazy\" src=\"https:\/\/www.garciafaura.com\/wp-content\/uploads\/2018\/11\/Rehabilitacio\u0301-Mercat-del-Ninot-01-600x314.jpg\" alt=\"Fa\u00e7ade Et Fermetures Ext\u00e9rieures Pour Cet Embl\u00e9matique March\u00e9 De Barcelone\" data-no-retina width=\"600\" height=\"314\" \/><\/a><\/div><div class=\"portfolio-entry-details entry-details wpex-clr\"><h2 class=\"portfolio-entry-title entry-title\"><a href=\"https:\/\/www.garciafaura.com\/fr\/portfolio-item\/reamenagement-marche-du-ninot\/\" title=\"R\u00e9am\u00e9nagement March\u00e9 du Ninot\">R\u00e9am\u00e9nagement March\u00e9 du Ninot<\/a><\/h2><div class=\"portfolio-entry-categories entry-categories wpex-clr\"><a href=\"https:\/\/www.garciafaura.com\/fr\/portfolio-category\/facades-fr\/\" class=\"term-93\">Fa\u00e7ades<\/a><\/div><\/div><\/div><\/div><div class=\"portfolio-entry vcex-grid-item entry-has-details span_1_of_3 col col-1 vcex-isotope-entry vcex-no-margin-entry post-20461 entry type-portfolio has-media cat-69 cat-102 cat-93 cat-95 cat-97 cat-98 cat-90 cat-101 translation_priority-5\"><div class=\"portfolio-entry-inner entry-inner wpex-clr\"><div class=\"portfolio-entry-media entry-media wpex-clr\"><a href=\"https:\/\/www.garciafaura.com\/wp-content\/uploads\/2019\/04\/02-Oficines-Boulevard-Grenelle-FotoSimonGarcia_arqfoto.jpg\" title=\"Boulevard Grenelle\" class=\"portfolio-entry-media-link wpex-lightbox-gallery\" data-gallery=\"[{&quot;src&quot;:&quot;https:\\\/\\\/www.garciafaura.com\\\/wp-content\\\/uploads\\\/2019\\\/04\\\/02-Oficines-Boulevard-Grenelle-FotoSimonGarcia_arqfoto.jpg&quot;,&quot;caption&quot;:&quot;\\u00a9 Simon Garcia | arqfoto.com&quot;},{&quot;src&quot;:&quot;https:\\\/\\\/www.garciafaura.com\\\/wp-content\\\/uploads\\\/2019\\\/04\\\/01-Oficines-Boulevard-Grenelle-FotoSimonGarcia_arqfoto.jpg&quot;,&quot;caption&quot;:&quot;\\u00a9 Simon Garcia | arqfoto.com&quot;},{&quot;src&quot;:&quot;https:\\\/\\\/www.garciafaura.com\\\/wp-content\\\/uploads\\\/2019\\\/04\\\/10-Oficines-Boulevard-Grenelle-FotoSimonGarcia_arqfoto.jpg&quot;,&quot;caption&quot;:&quot;\\u00a9 Simon Garcia | arqfoto.com&quot;},{&quot;src&quot;:&quot;https:\\\/\\\/www.garciafaura.com\\\/wp-content\\\/uploads\\\/2019\\\/04\\\/09-Oficines-Boulevard-Grenelle-FotoSimonGarcia_arqfoto.jpg&quot;,&quot;caption&quot;:&quot;\\u00a9 Simon Garcia | arqfoto.com&quot;},{&quot;src&quot;:&quot;https:\\\/\\\/www.garciafaura.com\\\/wp-content\\\/uploads\\\/2019\\\/04\\\/08-Oficines-Boulevard-Grenelle-FotoSimonGarcia_arqfoto.jpg&quot;,&quot;caption&quot;:&quot;\\u00a9 Simon Garcia | arqfoto.com&quot;},{&quot;src&quot;:&quot;https:\\\/\\\/www.garciafaura.com\\\/wp-content\\\/uploads\\\/2019\\\/04\\\/07-Oficines-Boulevard-Grenelle-FotoSimonGarcia_arqfoto.jpg&quot;,&quot;caption&quot;:&quot;\\u00a9 Simon Garcia | arqfoto.com&quot;},{&quot;src&quot;:&quot;https:\\\/\\\/www.garciafaura.com\\\/wp-content\\\/uploads\\\/2019\\\/04\\\/06-Oficines-Boulevard-Grenelle-FotoSimonGarcia_arqfoto.jpg&quot;,&quot;caption&quot;:&quot;\\u00a9 Simon Garcia | arqfoto.com&quot;},{&quot;src&quot;:&quot;https:\\\/\\\/www.garciafaura.com\\\/wp-content\\\/uploads\\\/2019\\\/04\\\/05-Oficines-Boulevard-Grenelle-FotoSimonGarcia_arqfoto.jpg&quot;,&quot;caption&quot;:&quot;\\u00a9 Simon Garcia | arqfoto.com&quot;},{&quot;src&quot;:&quot;https:\\\/\\\/www.garciafaura.com\\\/wp-content\\\/uploads\\\/2019\\\/04\\\/04-Oficines-Boulevard-Grenelle-FotoSimonGarcia_arqfoto.jpg&quot;,&quot;caption&quot;:&quot;\\u00a9 Simon Garcia | arqfoto.com&quot;},{&quot;src&quot;:&quot;https:\\\/\\\/www.garciafaura.com\\\/wp-content\\\/uploads\\\/2019\\\/04\\\/03-Oficines-Boulevard-Grenelle-FotoSimonGarcia_arqfoto.jpg&quot;,&quot;caption&quot;:&quot;\\u00a9 Simon Garcia | arqfoto.com&quot;}]\"><img loading=\"lazy\" decoding=\"async\" data-no-lazy=\"1\" class=\"portfolio-entry-img skip-lazy\" src=\"https:\/\/www.garciafaura.com\/wp-content\/uploads\/2019\/04\/02-Oficines-Boulevard-Grenelle-FotoSimonGarcia_arqfoto-600x314.jpg\" alt='' data-no-retina width=\"600\" height=\"314\" \/><\/a><\/div><div class=\"portfolio-entry-details entry-details wpex-clr\"><h2 class=\"portfolio-entry-title entry-title\"><a href=\"https:\/\/www.garciafaura.com\/fr\/portfolio-item\/boulevard-grenelle\/\" title=\"Boulevard Grenelle\">Boulevard Grenelle<\/a><\/h2><div class=\"portfolio-entry-categories entry-categories wpex-clr\"><a href=\"https:\/\/www.garciafaura.com\/fr\/portfolio-category\/international-remarquable\/\" class=\"term-98\">International Remarquable<\/a><\/div><\/div><\/div><\/div><div class=\"portfolio-entry vcex-grid-item entry-has-details span_1_of_3 col col-2 vcex-isotope-entry vcex-no-margin-entry post-20460 entry type-portfolio has-media cat-93 cat-94 cat-90 cat-101 translation_priority-5\"><div class=\"portfolio-entry-inner entry-inner wpex-clr\"><div class=\"portfolio-entry-media entry-media wpex-clr\"><a href=\"https:\/\/www.garciafaura.com\/wp-content\/uploads\/2019\/04\/MTP02599.jpg\" title=\"R\u00e9am\u00e9nagement Hotel Nobu Torre Catalunya\" class=\"portfolio-entry-media-link wpex-lightbox-gallery\" data-gallery=\"[{&quot;src&quot;:&quot;https:\\\/\\\/www.garciafaura.com\\\/wp-content\\\/uploads\\\/2019\\\/04\\\/MTP02599.jpg&quot;,&quot;title&quot;:&quot;Nobu Barcelona Garcia Faura&quot;},{&quot;src&quot;:&quot;https:\\\/\\\/www.garciafaura.com\\\/wp-content\\\/uploads\\\/2019\\\/04\\\/MTP02650.jpg&quot;,&quot;title&quot;:&quot;Nobu Barcelona Garcia Faura&quot;},{&quot;src&quot;:&quot;https:\\\/\\\/www.garciafaura.com\\\/wp-content\\\/uploads\\\/2019\\\/04\\\/MTP02645.jpg&quot;,&quot;title&quot;:&quot;Nobu Barcelona Garcia Faura&quot;},{&quot;src&quot;:&quot;https:\\\/\\\/www.garciafaura.com\\\/wp-content\\\/uploads\\\/2019\\\/04\\\/MTP02644.jpg&quot;,&quot;title&quot;:&quot;Nobu Barcelona Garcia Faura&quot;},{&quot;src&quot;:&quot;https:\\\/\\\/www.garciafaura.com\\\/wp-content\\\/uploads\\\/2019\\\/04\\\/MTP02641.jpg&quot;,&quot;title&quot;:&quot;Nobu Barcelona Garcia Faura&quot;},{&quot;src&quot;:&quot;https:\\\/\\\/www.garciafaura.com\\\/wp-content\\\/uploads\\\/2019\\\/04\\\/MTP02636.jpg&quot;,&quot;title&quot;:&quot;Nobu Barcelona Garcia Faura&quot;},{&quot;src&quot;:&quot;https:\\\/\\\/www.garciafaura.com\\\/wp-content\\\/uploads\\\/2019\\\/04\\\/MTP02634.jpg&quot;,&quot;title&quot;:&quot;Nobu Barcelona Garcia Faura&quot;},{&quot;src&quot;:&quot;https:\\\/\\\/www.garciafaura.com\\\/wp-content\\\/uploads\\\/2019\\\/04\\\/MTP02628.jpg&quot;,&quot;title&quot;:&quot;Nobu Barcelona Garcia Faura&quot;},{&quot;src&quot;:&quot;https:\\\/\\\/www.garciafaura.com\\\/wp-content\\\/uploads\\\/2019\\\/04\\\/MTP02615.jpg&quot;,&quot;title&quot;:&quot;Nobu Barcelona Garcia Faura&quot;},{&quot;src&quot;:&quot;https:\\\/\\\/www.garciafaura.com\\\/wp-content\\\/uploads\\\/2019\\\/04\\\/MTP02612.jpg&quot;,&quot;title&quot;:&quot;Nobu Barcelona Garcia Faura&quot;},{&quot;src&quot;:&quot;https:\\\/\\\/www.garciafaura.com\\\/wp-content\\\/uploads\\\/2019\\\/04\\\/MTP02602.jpg&quot;,&quot;title&quot;:&quot;Nobu Barcelona Garcia Faura&quot;},{&quot;src&quot;:&quot;https:\\\/\\\/www.garciafaura.com\\\/wp-content\\\/uploads\\\/2019\\\/04\\\/MTP02598.jpg&quot;,&quot;title&quot;:&quot;Nobu Barcelona Garcia Faura&quot;},{&quot;src&quot;:&quot;https:\\\/\\\/www.garciafaura.com\\\/wp-content\\\/uploads\\\/2019\\\/04\\\/MTP02593.jpg&quot;,&quot;title&quot;:&quot;Nobu Barcelona Garcia Faura&quot;},{&quot;src&quot;:&quot;https:\\\/\\\/www.garciafaura.com\\\/wp-content\\\/uploads\\\/2019\\\/04\\\/MTP02589.jpg&quot;,&quot;title&quot;:&quot;Nobu Barcelona Garcia Faura&quot;},{&quot;src&quot;:&quot;https:\\\/\\\/www.garciafaura.com\\\/wp-content\\\/uploads\\\/2019\\\/04\\\/MTP02587.jpg&quot;,&quot;title&quot;:&quot;Nobu Barcelona Garcia Faura&quot;},{&quot;src&quot;:&quot;https:\\\/\\\/www.garciafaura.com\\\/wp-content\\\/uploads\\\/2019\\\/04\\\/MTP02526.jpg&quot;,&quot;title&quot;:&quot;Nobu Barcelona Garcia Faura&quot;},{&quot;src&quot;:&quot;https:\\\/\\\/www.garciafaura.com\\\/wp-content\\\/uploads\\\/2019\\\/04\\\/IMG_6290.jpg&quot;,&quot;title&quot;:&quot;Nobu Barcelona Garcia Faura&quot;},{&quot;src&quot;:&quot;https:\\\/\\\/www.garciafaura.com\\\/wp-content\\\/uploads\\\/2019\\\/04\\\/IMG_6286.jpg&quot;,&quot;title&quot;:&quot;Nobu Barcelona Garcia Faura&quot;},{&quot;src&quot;:&quot;https:\\\/\\\/www.garciafaura.com\\\/wp-content\\\/uploads\\\/2019\\\/04\\\/IMG_6283.jpg&quot;,&quot;title&quot;:&quot;Nobu Barcelona Garcia Faura&quot;},{&quot;src&quot;:&quot;https:\\\/\\\/www.garciafaura.com\\\/wp-content\\\/uploads\\\/2019\\\/04\\\/IMG_6282.jpg&quot;,&quot;title&quot;:&quot;Nobu Barcelona Garcia Faura&quot;}]\"><img loading=\"lazy\" decoding=\"async\" data-no-lazy=\"1\" class=\"portfolio-entry-img skip-lazy\" src=\"https:\/\/www.garciafaura.com\/wp-content\/uploads\/2019\/04\/MTP02599-600x314.jpg\" alt=\"Nobu Barcelona Garcia Faura\" data-no-retina width=\"600\" height=\"314\" \/><\/a><\/div><div class=\"portfolio-entry-details entry-details wpex-clr\"><h2 class=\"portfolio-entry-title entry-title\"><a href=\"https:\/\/www.garciafaura.com\/fr\/portfolio-item\/reamenagement-hotel-torre-catalunya\/\" title=\"R\u00e9am\u00e9nagement Hotel Nobu Torre Catalunya\">R\u00e9am\u00e9nagement Hotel Nobu Torre Catalunya<\/a><\/h2><div class=\"portfolio-entry-categories entry-categories wpex-clr\"><a href=\"https:\/\/www.garciafaura.com\/fr\/portfolio-category\/reamenagement\/\" class=\"term-90\">R\u00e9am\u00e9nagement<\/a><\/div><\/div><\/div><\/div><div class=\"portfolio-entry vcex-grid-item entry-has-details span_1_of_3 col col-3 vcex-isotope-entry vcex-no-margin-entry post-20457 entry type-portfolio has-media cat-75 cat-92 cat-93 cat-95 cat-97 cat-98 cat-90 cat-101 translation_priority-5\"><div class=\"portfolio-entry-inner entry-inner wpex-clr\"><div class=\"portfolio-entry-media entry-media wpex-clr\"><a href=\"https:\/\/www.garciafaura.com\/wp-content\/uploads\/2022\/06\/Morland01.jpg\" title=\"Projet Morland\" class=\"portfolio-entry-media-link wpex-lightbox-gallery\" data-gallery=\"[{&quot;src&quot;:&quot;https:\\\/\\\/www.garciafaura.com\\\/wp-content\\\/uploads\\\/2022\\\/06\\\/Morland01.jpg&quot;},{&quot;src&quot;:&quot;https:\\\/\\\/www.garciafaura.com\\\/wp-content\\\/uploads\\\/2022\\\/06\\\/Morland24.jpg&quot;},{&quot;src&quot;:&quot;https:\\\/\\\/www.garciafaura.com\\\/wp-content\\\/uploads\\\/2022\\\/06\\\/Morland02.jpg&quot;},{&quot;src&quot;:&quot;https:\\\/\\\/www.garciafaura.com\\\/wp-content\\\/uploads\\\/2022\\\/06\\\/Morland03.jpg&quot;},{&quot;src&quot;:&quot;https:\\\/\\\/www.garciafaura.com\\\/wp-content\\\/uploads\\\/2022\\\/06\\\/Morland04.jpg&quot;},{&quot;src&quot;:&quot;https:\\\/\\\/www.garciafaura.com\\\/wp-content\\\/uploads\\\/2022\\\/06\\\/Morland05.jpg&quot;},{&quot;src&quot;:&quot;https:\\\/\\\/www.garciafaura.com\\\/wp-content\\\/uploads\\\/2022\\\/06\\\/Morland06.jpg&quot;},{&quot;src&quot;:&quot;https:\\\/\\\/www.garciafaura.com\\\/wp-content\\\/uploads\\\/2022\\\/06\\\/Morland07.jpg&quot;},{&quot;src&quot;:&quot;https:\\\/\\\/www.garciafaura.com\\\/wp-content\\\/uploads\\\/2022\\\/06\\\/Morland08.jpg&quot;},{&quot;src&quot;:&quot;https:\\\/\\\/www.garciafaura.com\\\/wp-content\\\/uploads\\\/2022\\\/06\\\/Morland23.jpg&quot;},{&quot;src&quot;:&quot;https:\\\/\\\/www.garciafaura.com\\\/wp-content\\\/uploads\\\/2022\\\/06\\\/Morland22.jpg&quot;},{&quot;src&quot;:&quot;https:\\\/\\\/www.garciafaura.com\\\/wp-content\\\/uploads\\\/2022\\\/06\\\/Morland21.jpg&quot;},{&quot;src&quot;:&quot;https:\\\/\\\/www.garciafaura.com\\\/wp-content\\\/uploads\\\/2022\\\/06\\\/Morland20.jpg&quot;},{&quot;src&quot;:&quot;https:\\\/\\\/www.garciafaura.com\\\/wp-content\\\/uploads\\\/2022\\\/06\\\/Morland19.jpg&quot;},{&quot;src&quot;:&quot;https:\\\/\\\/www.garciafaura.com\\\/wp-content\\\/uploads\\\/2022\\\/06\\\/Morland18.jpg&quot;},{&quot;src&quot;:&quot;https:\\\/\\\/www.garciafaura.com\\\/wp-content\\\/uploads\\\/2022\\\/06\\\/Morland17.jpg&quot;},{&quot;src&quot;:&quot;https:\\\/\\\/www.garciafaura.com\\\/wp-content\\\/uploads\\\/2022\\\/06\\\/Morland16.jpg&quot;},{&quot;src&quot;:&quot;https:\\\/\\\/www.garciafaura.com\\\/wp-content\\\/uploads\\\/2022\\\/06\\\/Morland15.jpg&quot;},{&quot;src&quot;:&quot;https:\\\/\\\/www.garciafaura.com\\\/wp-content\\\/uploads\\\/2022\\\/06\\\/Morland14.jpg&quot;},{&quot;src&quot;:&quot;https:\\\/\\\/www.garciafaura.com\\\/wp-content\\\/uploads\\\/2022\\\/06\\\/Morland13.jpg&quot;},{&quot;src&quot;:&quot;https:\\\/\\\/www.garciafaura.com\\\/wp-content\\\/uploads\\\/2022\\\/06\\\/Morland12.jpg&quot;},{&quot;src&quot;:&quot;https:\\\/\\\/www.garciafaura.com\\\/wp-content\\\/uploads\\\/2022\\\/06\\\/Morland11.jpg&quot;},{&quot;src&quot;:&quot;https:\\\/\\\/www.garciafaura.com\\\/wp-content\\\/uploads\\\/2022\\\/06\\\/Morland10.jpg&quot;},{&quot;src&quot;:&quot;https:\\\/\\\/www.garciafaura.com\\\/wp-content\\\/uploads\\\/2022\\\/06\\\/Morland09.jpg&quot;}]\"><img loading=\"lazy\" decoding=\"async\" data-no-lazy=\"1\" class=\"portfolio-entry-img skip-lazy\" src=\"https:\/\/www.garciafaura.com\/wp-content\/uploads\/2022\/06\/Morland01-600x314.jpg\" alt='' data-no-retina width=\"600\" height=\"314\" \/><\/a><\/div><div class=\"portfolio-entry-details entry-details wpex-clr\"><h2 class=\"portfolio-entry-title entry-title\"><a href=\"https:\/\/www.garciafaura.com\/fr\/portfolio-item\/projet-morland\/\" title=\"Projet Morland\">Projet Morland<\/a><\/h2><div class=\"portfolio-entry-categories entry-categories wpex-clr\"><a href=\"https:\/\/www.garciafaura.com\/fr\/portfolio-category\/batiments-de-services-remarquables\/\" class=\"term-92\">B\u00e2timents de Services Remarquables<\/a><\/div><\/div><\/div><\/div><div class=\"portfolio-entry vcex-grid-item entry-has-details span_1_of_3 col col-1 vcex-isotope-entry vcex-no-margin-entry post-20454 entry type-portfolio has-media cat-93 cat-95 cat-97 cat-98 translation_priority-5\"><div class=\"portfolio-entry-inner entry-inner wpex-clr\"><div class=\"portfolio-entry-media entry-media wpex-clr\"><a href=\"https:\/\/www.garciafaura.com\/wp-content\/uploads\/2019\/04\/23-BoulevardMalesherbes_FotoSimonGarcia_arqfoto.jpg\" title=\"R\u00e9habilitation Malesherbes\" class=\"portfolio-entry-media-link wpex-lightbox-gallery\" data-gallery=\"[{&quot;src&quot;:&quot;https:\\\/\\\/www.garciafaura.com\\\/wp-content\\\/uploads\\\/2019\\\/04\\\/23-BoulevardMalesherbes_FotoSimonGarcia_arqfoto.jpg&quot;,&quot;caption&quot;:&quot;\\u00a9 Simon Garcia|arqfoto.com&quot;},{&quot;src&quot;:&quot;https:\\\/\\\/www.garciafaura.com\\\/wp-content\\\/uploads\\\/2019\\\/04\\\/01-BoulevardMalesherbes_FotoSimonGarcia_arqfoto.jpg&quot;,&quot;caption&quot;:&quot;\\u00a9 Simon Garcia|arqfoto.com&quot;},{&quot;src&quot;:&quot;https:\\\/\\\/www.garciafaura.com\\\/wp-content\\\/uploads\\\/2019\\\/04\\\/22-BoulevardMalesherbes_FotoSimonGarcia_arqfoto.jpg&quot;,&quot;caption&quot;:&quot;\\u00a9 Simon Garcia|arqfoto.com&quot;},{&quot;src&quot;:&quot;https:\\\/\\\/www.garciafaura.com\\\/wp-content\\\/uploads\\\/2019\\\/04\\\/21-BoulevardMalesherbes_FotoSimonGarcia_arqfoto.jpg&quot;,&quot;caption&quot;:&quot;\\u00a9 Simon Garcia|arqfoto.com&quot;},{&quot;src&quot;:&quot;https:\\\/\\\/www.garciafaura.com\\\/wp-content\\\/uploads\\\/2019\\\/04\\\/20-BoulevardMalesherbes_FotoSimonGarcia_arqfoto.jpg&quot;,&quot;caption&quot;:&quot;\\u00a9 Simon Garcia|arqfoto.com&quot;},{&quot;src&quot;:&quot;https:\\\/\\\/www.garciafaura.com\\\/wp-content\\\/uploads\\\/2019\\\/04\\\/19-BoulevardMalesherbes_FotoSimonGarcia_arqfoto.jpg&quot;,&quot;caption&quot;:&quot;\\u00a9 Simon Garcia|arqfoto.com&quot;},{&quot;src&quot;:&quot;https:\\\/\\\/www.garciafaura.com\\\/wp-content\\\/uploads\\\/2019\\\/04\\\/18-BoulevardMalesherbes_FotoSimonGarcia_arqfoto.jpg&quot;,&quot;caption&quot;:&quot;\\u00a9 Simon Garcia|arqfoto.com&quot;},{&quot;src&quot;:&quot;https:\\\/\\\/www.garciafaura.com\\\/wp-content\\\/uploads\\\/2019\\\/04\\\/17-BoulevardMalesherbes_FotoSimonGarcia_arqfoto.jpg&quot;,&quot;caption&quot;:&quot;\\u00a9 Simon Garcia|arqfoto.com&quot;},{&quot;src&quot;:&quot;https:\\\/\\\/www.garciafaura.com\\\/wp-content\\\/uploads\\\/2019\\\/04\\\/16-BoulevardMalesherbes_FotoSimonGarcia_arqfoto.jpg&quot;,&quot;caption&quot;:&quot;\\u00a9 Simon Garcia|arqfoto.com&quot;},{&quot;src&quot;:&quot;https:\\\/\\\/www.garciafaura.com\\\/wp-content\\\/uploads\\\/2019\\\/04\\\/15-BoulevardMalesherbes_FotoSimonGarcia_arqfoto.jpg&quot;,&quot;caption&quot;:&quot;\\u00a9 Simon Garcia|arqfoto.com&quot;},{&quot;src&quot;:&quot;https:\\\/\\\/www.garciafaura.com\\\/wp-content\\\/uploads\\\/2019\\\/04\\\/14-BoulevardMalesherbes_FotoSimonGarcia_arqfoto.jpg&quot;,&quot;caption&quot;:&quot;\\u00a9 Simon Garcia|arqfoto.com&quot;},{&quot;src&quot;:&quot;https:\\\/\\\/www.garciafaura.com\\\/wp-content\\\/uploads\\\/2019\\\/04\\\/13-BoulevardMalesherbes_FotoSimonGarcia_arqfoto.jpg&quot;,&quot;caption&quot;:&quot;\\u00a9 Simon Garcia|arqfoto.com&quot;},{&quot;src&quot;:&quot;https:\\\/\\\/www.garciafaura.com\\\/wp-content\\\/uploads\\\/2019\\\/04\\\/12-BoulevardMalesherbes_FotoSimonGarcia_arqfoto.jpg&quot;,&quot;caption&quot;:&quot;\\u00a9 Simon Garcia|arqfoto.com&quot;},{&quot;src&quot;:&quot;https:\\\/\\\/www.garciafaura.com\\\/wp-content\\\/uploads\\\/2019\\\/04\\\/11-BoulevardMalesherbes_FotoSimonGarcia_arqfoto.jpg&quot;,&quot;caption&quot;:&quot;\\u00a9 Simon Garcia|arqfoto.com&quot;},{&quot;src&quot;:&quot;https:\\\/\\\/www.garciafaura.com\\\/wp-content\\\/uploads\\\/2019\\\/04\\\/10-BoulevardMalesherbes_FotoSimonGarcia_arqfoto.jpg&quot;,&quot;caption&quot;:&quot;\\u00a9 Simon Garcia|arqfoto.com&quot;},{&quot;src&quot;:&quot;https:\\\/\\\/www.garciafaura.com\\\/wp-content\\\/uploads\\\/2019\\\/04\\\/09-BoulevardMalesherbes_FotoSimonGarcia_arqfoto.jpg&quot;,&quot;caption&quot;:&quot;\\u00a9 Simon Garcia|arqfoto.com&quot;},{&quot;src&quot;:&quot;https:\\\/\\\/www.garciafaura.com\\\/wp-content\\\/uploads\\\/2019\\\/04\\\/08-BoulevardMalesherbes_FotoSimonGarcia_arqfoto.jpg&quot;,&quot;caption&quot;:&quot;\\u00a9 Simon Garcia|arqfoto.com&quot;},{&quot;src&quot;:&quot;https:\\\/\\\/www.garciafaura.com\\\/wp-content\\\/uploads\\\/2019\\\/04\\\/07-BoulevardMalesherbes_FotoSimonGarcia_arqfoto.jpg&quot;,&quot;caption&quot;:&quot;\\u00a9 Simon Garcia|arqfoto.com&quot;},{&quot;src&quot;:&quot;https:\\\/\\\/www.garciafaura.com\\\/wp-content\\\/uploads\\\/2019\\\/04\\\/06-BoulevardMalesherbes_FotoSimonGarcia_arqfoto.jpg&quot;,&quot;caption&quot;:&quot;\\u00a9 Simon Garcia|arqfoto.com&quot;},{&quot;src&quot;:&quot;https:\\\/\\\/www.garciafaura.com\\\/wp-content\\\/uploads\\\/2019\\\/04\\\/05-BoulevardMalesherbes_FotoSimonGarcia_arqfoto.jpg&quot;,&quot;caption&quot;:&quot;\\u00a9 Simon Garcia|arqfoto.com&quot;},{&quot;src&quot;:&quot;https:\\\/\\\/www.garciafaura.com\\\/wp-content\\\/uploads\\\/2019\\\/04\\\/04-BoulevardMalesherbes_FotoSimonGarcia_arqfoto.jpg&quot;,&quot;caption&quot;:&quot;\\u00a9 Simon Garcia|arqfoto.com&quot;},{&quot;src&quot;:&quot;https:\\\/\\\/www.garciafaura.com\\\/wp-content\\\/uploads\\\/2019\\\/04\\\/03-BoulevardMalesherbes_FotoSimonGarcia_arqfoto.jpg&quot;,&quot;caption&quot;:&quot;\\u00a9 Simon Garcia|arqfoto.com&quot;},{&quot;src&quot;:&quot;https:\\\/\\\/www.garciafaura.com\\\/wp-content\\\/uploads\\\/2019\\\/04\\\/02-BoulevardMalesherbes_FotoSimonGarcia_arqfoto.jpg&quot;,&quot;caption&quot;:&quot;\\u00a9 Simon Garcia|arqfoto.com&quot;}]\"><img loading=\"lazy\" decoding=\"async\" data-no-lazy=\"1\" class=\"portfolio-entry-img skip-lazy\" src=\"https:\/\/www.garciafaura.com\/wp-content\/uploads\/2019\/04\/23-BoulevardMalesherbes_FotoSimonGarcia_arqfoto-600x314.jpg\" alt='' data-no-retina width=\"600\" height=\"314\" \/><\/a><\/div><div class=\"portfolio-entry-details entry-details wpex-clr\"><h2 class=\"portfolio-entry-title entry-title\"><a href=\"https:\/\/www.garciafaura.com\/fr\/portfolio-item\/rehabilitation-malesherbes\/\" title=\"R\u00e9habilitation Malesherbes\">R\u00e9habilitation Malesherbes<\/a><\/h2><div class=\"portfolio-entry-categories entry-categories wpex-clr\"><a href=\"https:\/\/www.garciafaura.com\/fr\/portfolio-category\/international-fr\/\" class=\"term-97\">International<\/a><\/div><\/div><\/div><\/div><div class=\"portfolio-entry vcex-grid-item entry-has-details span_1_of_3 col col-2 vcex-isotope-entry vcex-no-margin-entry post-20442 entry type-portfolio has-media cat-93 cat-95 cat-94 cat-96 cat-97 cat-98 translation_priority-5\"><div class=\"portfolio-entry-inner entry-inner wpex-clr\"><div class=\"portfolio-entry-media entry-media wpex-clr\"><a href=\"https:\/\/www.garciafaura.com\/wp-content\/uploads\/2019\/04\/HiltonCorferias3.jpg\" title=\"Hotel Hilton Corferias\" class=\"portfolio-entry-media-link wpex-lightbox-gallery\" data-gallery=\"[{&quot;src&quot;:&quot;https:\\\/\\\/www.garciafaura.com\\\/wp-content\\\/uploads\\\/2019\\\/04\\\/HiltonCorferias8.jpg&quot;,&quot;title&quot;:&quot;Traveaux dans le nouveau H\\u00f4tel Hilton Corferias&quot;},{&quot;src&quot;:&quot;https:\\\/\\\/www.garciafaura.com\\\/wp-content\\\/uploads\\\/2019\\\/04\\\/HiltonCorferias7.jpg&quot;,&quot;title&quot;:&quot;Traveaux dans le nouveau H\\u00f4tel Hilton Corferias&quot;},{&quot;src&quot;:&quot;https:\\\/\\\/www.garciafaura.com\\\/wp-content\\\/uploads\\\/2019\\\/04\\\/HiltonCorferias6.jpg&quot;,&quot;title&quot;:&quot;Traveaux dans le nouveau H\\u00f4tel Hilton Corferias&quot;},{&quot;src&quot;:&quot;https:\\\/\\\/www.garciafaura.com\\\/wp-content\\\/uploads\\\/2019\\\/04\\\/HiltonCorferias5.jpg&quot;,&quot;title&quot;:&quot;Traveaux dans le nouveau H\\u00f4tel Hilton Corferias&quot;},{&quot;src&quot;:&quot;https:\\\/\\\/www.garciafaura.com\\\/wp-content\\\/uploads\\\/2019\\\/04\\\/HiltonCorferias4.jpg&quot;,&quot;title&quot;:&quot;Traveaux dans le nouveau H\\u00f4tel Hilton Corferias&quot;},{&quot;src&quot;:&quot;https:\\\/\\\/www.garciafaura.com\\\/wp-content\\\/uploads\\\/2019\\\/04\\\/HiltonCorferias3.jpg&quot;,&quot;title&quot;:&quot;Traveaux dans le nouveau H\\u00f4tel Hilton Corferias&quot;},{&quot;src&quot;:&quot;https:\\\/\\\/www.garciafaura.com\\\/wp-content\\\/uploads\\\/2019\\\/04\\\/HiltonCorferias2.jpg&quot;,&quot;title&quot;:&quot;Traveaux dans le nouveau H\\u00f4tel Hilton Corferias&quot;}]\"><img loading=\"lazy\" decoding=\"async\" data-no-lazy=\"1\" class=\"portfolio-entry-img skip-lazy\" src=\"https:\/\/www.garciafaura.com\/wp-content\/uploads\/2019\/04\/HiltonCorferias3-600x314.jpg\" alt=\"Traveaux Dans Le Nouveau H\u00f4tel Hilton Corferias\" data-no-retina width=\"600\" height=\"314\" \/><\/a><\/div><div class=\"portfolio-entry-details entry-details wpex-clr\"><h2 class=\"portfolio-entry-title entry-title\"><a href=\"https:\/\/www.garciafaura.com\/fr\/portfolio-item\/hotel-hilton-corferias\/\" title=\"Hotel Hilton Corferias\">Hotel Hilton Corferias<\/a><\/h2><div class=\"portfolio-entry-categories entry-categories wpex-clr\"><a href=\"https:\/\/www.garciafaura.com\/fr\/portfolio-category\/facades-fr\/\" class=\"term-93\">Fa\u00e7ades<\/a><\/div><\/div><\/div><\/div><div class=\"portfolio-entry vcex-grid-item entry-has-details span_1_of_3 col col-3 vcex-isotope-entry vcex-no-margin-entry post-20438 entry type-portfolio has-media cat-93 cat-94 cat-96 translation_priority-5\"><div class=\"portfolio-entry-inner entry-inner wpex-clr\"><div class=\"portfolio-entry-media entry-media wpex-clr\"><a href=\"https:\/\/www.garciafaura.com\/wp-content\/uploads\/2019\/01\/IMG_9107.jpg\" title=\"EasyHotel l&rsquo;Hospitalet de Llobregat\" class=\"portfolio-entry-media-link wpex-lightbox-gallery\" data-gallery=\"[{&quot;src&quot;:&quot;https:\\\/\\\/www.garciafaura.com\\\/wp-content\\\/uploads\\\/2019\\\/01\\\/IMG_9107.jpg&quot;,&quot;title&quot;:&quot;Travaux de fa\\u00e7ade et fermetures pour le premier EasyHotel d&#039;Espagne&quot;},{&quot;src&quot;:&quot;https:\\\/\\\/www.garciafaura.com\\\/wp-content\\\/uploads\\\/2019\\\/01\\\/IMG_9092.jpg&quot;,&quot;title&quot;:&quot;Travaux de fa\\u00e7ade et fermetures pour le premier EasyHotel d&#039;Espagne&quot;},{&quot;src&quot;:&quot;https:\\\/\\\/www.garciafaura.com\\\/wp-content\\\/uploads\\\/2019\\\/01\\\/IMG_9114.jpg&quot;,&quot;title&quot;:&quot;Travaux de fa\\u00e7ade et fermetures pour le premier EasyHotel d&#039;Espagne&quot;},{&quot;src&quot;:&quot;https:\\\/\\\/www.garciafaura.com\\\/wp-content\\\/uploads\\\/2019\\\/01\\\/IMG_9111.jpg&quot;,&quot;title&quot;:&quot;Travaux de fa\\u00e7ade et fermetures pour le premier EasyHotel d&#039;Espagne&quot;},{&quot;src&quot;:&quot;https:\\\/\\\/www.garciafaura.com\\\/wp-content\\\/uploads\\\/2019\\\/01\\\/IMG_9109.jpg&quot;,&quot;title&quot;:&quot;Travaux de fa\\u00e7ade et fermetures pour le premier EasyHotel d&#039;Espagne&quot;},{&quot;src&quot;:&quot;https:\\\/\\\/www.garciafaura.com\\\/wp-content\\\/uploads\\\/2019\\\/01\\\/IMG_9102.jpg&quot;,&quot;title&quot;:&quot;Travaux de fa\\u00e7ade et fermetures pour le premier EasyHotel d&#039;Espagne&quot;},{&quot;src&quot;:&quot;https:\\\/\\\/www.garciafaura.com\\\/wp-content\\\/uploads\\\/2019\\\/01\\\/IMG_9099.jpg&quot;,&quot;title&quot;:&quot;Travaux de fa\\u00e7ade et fermetures pour le premier EasyHotel d&#039;Espagne&quot;},{&quot;src&quot;:&quot;https:\\\/\\\/www.garciafaura.com\\\/wp-content\\\/uploads\\\/2019\\\/01\\\/IMG_9097.jpg&quot;,&quot;title&quot;:&quot;Travaux de fa\\u00e7ade et fermetures pour le premier EasyHotel d&#039;Espagne&quot;},{&quot;src&quot;:&quot;https:\\\/\\\/www.garciafaura.com\\\/wp-content\\\/uploads\\\/2019\\\/01\\\/IMG_9096.jpg&quot;,&quot;title&quot;:&quot;Travaux de fa\\u00e7ade et fermetures pour le premier EasyHotel d&#039;Espagne&quot;},{&quot;src&quot;:&quot;https:\\\/\\\/www.garciafaura.com\\\/wp-content\\\/uploads\\\/2019\\\/01\\\/IMG_9095.jpg&quot;,&quot;title&quot;:&quot;Travaux de fa\\u00e7ade et fermetures pour le premier EasyHotel d&#039;Espagne&quot;}]\"><img loading=\"lazy\" decoding=\"async\" data-no-lazy=\"1\" class=\"portfolio-entry-img skip-lazy\" src=\"https:\/\/www.garciafaura.com\/wp-content\/uploads\/2019\/01\/IMG_9107-600x314.jpg\" alt=\"Travaux De Fa\u00e7ade Et Fermetures Pour Le Premier EasyHotel D'Espagne\" data-no-retina width=\"600\" height=\"314\" \/><\/a><\/div><div class=\"portfolio-entry-details entry-details wpex-clr\"><h2 class=\"portfolio-entry-title entry-title\"><a href=\"https:\/\/www.garciafaura.com\/fr\/portfolio-item\/easyhotel-lhospitalet-de-llobregat\/\" title=\"EasyHotel l&rsquo;Hospitalet de Llobregat\">EasyHotel l&rsquo;Hospitalet de Llobregat<\/a><\/h2><div class=\"portfolio-entry-categories entry-categories wpex-clr\"><a href=\"https:\/\/www.garciafaura.com\/fr\/portfolio-category\/facades-fr\/\" class=\"term-93\">Fa\u00e7ades<\/a><\/div><\/div><\/div><\/div><div class=\"portfolio-entry vcex-grid-item entry-has-details span_1_of_3 col col-1 vcex-isotope-entry vcex-no-margin-entry post-20421 entry type-portfolio has-media cat-69 cat-93 translation_priority-5\"><div class=\"portfolio-entry-inner entry-inner wpex-clr\"><div class=\"portfolio-entry-media entry-media wpex-clr\"><a href=\"https:\/\/www.garciafaura.com\/wp-content\/uploads\/2018\/11\/Promocio\u0301-Inbisa-Esplugues-01.jpg\" title=\"Promotion Inbisa Esplugues\" class=\"portfolio-entry-media-link wpex-lightbox-gallery\" data-gallery=\"[{&quot;src&quot;:&quot;https:\\\/\\\/www.garciafaura.com\\\/wp-content\\\/uploads\\\/2018\\\/11\\\/Promocio\\u0301-Inbisa-Esplugues-01.jpg&quot;,&quot;title&quot;:&quot;Installation de mur-rideau et de fermetures en aluminium dans ensemble de bureaux&quot;},{&quot;src&quot;:&quot;https:\\\/\\\/www.garciafaura.com\\\/wp-content\\\/uploads\\\/2018\\\/11\\\/Promocio\\u0301-Inbisa-Esplugues-08.jpg&quot;,&quot;title&quot;:&quot;Installation de mur-rideau et de fermetures en aluminium dans ensemble de bureaux&quot;},{&quot;src&quot;:&quot;https:\\\/\\\/www.garciafaura.com\\\/wp-content\\\/uploads\\\/2018\\\/11\\\/Promocio\\u0301-Inbisa-Esplugues-07.jpg&quot;,&quot;title&quot;:&quot;Installation de mur-rideau et de fermetures en aluminium dans ensemble de bureaux&quot;},{&quot;src&quot;:&quot;https:\\\/\\\/www.garciafaura.com\\\/wp-content\\\/uploads\\\/2018\\\/11\\\/Promocio\\u0301-Inbisa-Esplugues-06.jpg&quot;,&quot;title&quot;:&quot;Installation de mur-rideau et de fermetures en aluminium dans ensemble de bureaux&quot;},{&quot;src&quot;:&quot;https:\\\/\\\/www.garciafaura.com\\\/wp-content\\\/uploads\\\/2018\\\/11\\\/Promocio\\u0301-Inbisa-Esplugues-05.jpg&quot;,&quot;title&quot;:&quot;Installation de mur-rideau et de fermetures en aluminium dans ensemble de bureaux&quot;},{&quot;src&quot;:&quot;https:\\\/\\\/www.garciafaura.com\\\/wp-content\\\/uploads\\\/2018\\\/11\\\/Promocio\\u0301-Inbisa-Esplugues-04.jpg&quot;,&quot;title&quot;:&quot;Installation de mur-rideau et de fermetures en aluminium dans ensemble de bureaux&quot;},{&quot;src&quot;:&quot;https:\\\/\\\/www.garciafaura.com\\\/wp-content\\\/uploads\\\/2018\\\/11\\\/Promocio\\u0301-Inbisa-Esplugues-03.jpg&quot;,&quot;title&quot;:&quot;Installation de mur-rideau et de fermetures en aluminium dans ensemble de bureaux&quot;},{&quot;src&quot;:&quot;https:\\\/\\\/www.garciafaura.com\\\/wp-content\\\/uploads\\\/2018\\\/11\\\/Promocio\\u0301-Inbisa-Esplugues-02.jpg&quot;,&quot;title&quot;:&quot;Installation de mur-rideau et de fermetures en aluminium dans ensemble de bureaux&quot;}]\"><img decoding=\"async\" data-no-lazy=\"1\" class=\"portfolio-entry-img skip-lazy\" src=\"https:\/\/www.garciafaura.com\/wp-content\/uploads\/2018\/11\/Promocio\u0301-Inbisa-Esplugues-01-x.jpg\" alt=\"Installation De Mur-rideau Et De Fermetures En Aluminium Dans Ensemble De Bureaux\" data-no-retina \/><\/a><\/div><div class=\"portfolio-entry-details entry-details wpex-clr\"><h2 class=\"portfolio-entry-title entry-title\"><a href=\"https:\/\/www.garciafaura.com\/fr\/portfolio-item\/promotion-inbisa-esplugues\/\" title=\"Promotion Inbisa Esplugues\">Promotion Inbisa Esplugues<\/a><\/h2><div class=\"portfolio-entry-categories entry-categories wpex-clr\"><a href=\"https:\/\/www.garciafaura.com\/fr\/portfolio-category\/batiments-corporatifs\/\" class=\"term-69\">B\u00e2timents Corporatifs<\/a><\/div><\/div><\/div><\/div><div class=\"portfolio-entry vcex-grid-item entry-has-details span_1_of_3 col col-2 vcex-isotope-entry vcex-no-margin-entry post-20415 entry type-portfolio has-media cat-93 cat-94 translation_priority-5\"><div class=\"portfolio-entry-inner entry-inner wpex-clr\"><div class=\"portfolio-entry-media entry-media wpex-clr\"><a href=\"https:\/\/www.garciafaura.com\/wp-content\/uploads\/2018\/11\/Hotel-Mediterra\u0301neo-01.jpg\" title=\"H\u00f4tel Mediterr\u00e1neo\" class=\"portfolio-entry-media-link wpex-lightbox-gallery\" data-gallery=\"[{&quot;src&quot;:&quot;https:\\\/\\\/www.garciafaura.com\\\/wp-content\\\/uploads\\\/2018\\\/11\\\/Hotel-Mediterra\\u0301neo-01.jpg&quot;,&quot;title&quot;:&quot;Installation de mur-rideau pour le r\\u00e9am\\u00e9nagement de cet h\\u00f4tel de Castelldefels&quot;}]\"><img decoding=\"async\" data-no-lazy=\"1\" class=\"portfolio-entry-img skip-lazy\" src=\"https:\/\/www.garciafaura.com\/wp-content\/uploads\/2018\/11\/Hotel-Mediterra\u0301neo-01-x.jpg\" alt=\"Installation De Mur-rideau Pour Le R\u00e9am\u00e9nagement De Cet H\u00f4tel De Castelldefels\" data-no-retina \/><\/a><\/div><div class=\"portfolio-entry-details entry-details wpex-clr\"><h2 class=\"portfolio-entry-title entry-title\"><a href=\"https:\/\/www.garciafaura.com\/fr\/portfolio-item\/hotel-mediterraneo\/\" title=\"H\u00f4tel Mediterr\u00e1neo\">H\u00f4tel Mediterr\u00e1neo<\/a><\/h2><div class=\"portfolio-entry-categories entry-categories wpex-clr\"><a href=\"https:\/\/www.garciafaura.com\/fr\/portfolio-category\/facades-fr\/\" class=\"term-93\">Fa\u00e7ades<\/a><\/div><\/div><\/div><\/div><div class=\"portfolio-entry vcex-grid-item entry-has-details span_1_of_3 col col-3 vcex-isotope-entry vcex-no-margin-entry post-20409 entry type-portfolio has-media cat-69 cat-93 translation_priority-5\"><div class=\"portfolio-entry-inner entry-inner wpex-clr\"><div class=\"portfolio-entry-media entry-media wpex-clr\"><a href=\"https:\/\/www.garciafaura.com\/wp-content\/uploads\/2018\/11\/Edifici-Plac\u0327a-Europa-02.jpg\" title=\"Bureaux Pla\u00e7a Europa\" class=\"portfolio-entry-media-link wpex-lightbox-gallery\" data-gallery=\"[{&quot;src&quot;:&quot;https:\\\/\\\/www.garciafaura.com\\\/wp-content\\\/uploads\\\/2018\\\/11\\\/Edifici-Plac\\u0327a-Europa-01.jpg&quot;,&quot;title&quot;:&quot;Mur-rideau modulaire combin\\u00e9 avec des \\u00e9cailles de panneau composite&quot;},{&quot;src&quot;:&quot;https:\\\/\\\/www.garciafaura.com\\\/wp-content\\\/uploads\\\/2018\\\/11\\\/Edifici-Plac\\u0327a-Europa-08.jpg&quot;,&quot;title&quot;:&quot;Mur-rideau modulaire combin\\u00e9 avec des \\u00e9cailles de panneau composite&quot;},{&quot;src&quot;:&quot;https:\\\/\\\/www.garciafaura.com\\\/wp-content\\\/uploads\\\/2018\\\/11\\\/Edifici-Plac\\u0327a-Europa-07.jpg&quot;,&quot;title&quot;:&quot;Mur-rideau modulaire combin\\u00e9 avec des \\u00e9cailles de panneau composite&quot;},{&quot;src&quot;:&quot;https:\\\/\\\/www.garciafaura.com\\\/wp-content\\\/uploads\\\/2018\\\/11\\\/Edifici-Plac\\u0327a-Europa-06.jpg&quot;,&quot;title&quot;:&quot;Mur-rideau modulaire combin\\u00e9 avec des \\u00e9cailles de panneau composite&quot;},{&quot;src&quot;:&quot;https:\\\/\\\/www.garciafaura.com\\\/wp-content\\\/uploads\\\/2018\\\/11\\\/Edifici-Plac\\u0327a-Europa-05.jpg&quot;,&quot;title&quot;:&quot;Mur-rideau modulaire combin\\u00e9 avec des \\u00e9cailles de panneau composite&quot;},{&quot;src&quot;:&quot;https:\\\/\\\/www.garciafaura.com\\\/wp-content\\\/uploads\\\/2018\\\/11\\\/Edifici-Plac\\u0327a-Europa-04.jpg&quot;,&quot;title&quot;:&quot;Mur-rideau modulaire combin\\u00e9 avec des \\u00e9cailles de panneau composite&quot;},{&quot;src&quot;:&quot;https:\\\/\\\/www.garciafaura.com\\\/wp-content\\\/uploads\\\/2018\\\/11\\\/Edifici-Plac\\u0327a-Europa-03.jpg&quot;,&quot;title&quot;:&quot;Mur-rideau modulaire combin\\u00e9 avec des \\u00e9cailles de panneau composite&quot;},{&quot;src&quot;:&quot;https:\\\/\\\/www.garciafaura.com\\\/wp-content\\\/uploads\\\/2018\\\/11\\\/Edifici-Plac\\u0327a-Europa-02.jpg&quot;,&quot;title&quot;:&quot;Mur-rideau modulaire combin\\u00e9 avec des \\u00e9cailles de panneau composite.&quot;}]\"><img decoding=\"async\" data-no-lazy=\"1\" class=\"portfolio-entry-img skip-lazy\" src=\"https:\/\/www.garciafaura.com\/wp-content\/uploads\/2018\/11\/Edifici-Plac\u0327a-Europa-02-x.jpg\" alt=\"Mur-rideau Modulaire Combin\u00e9 Avec Des \u00e9cailles De Panneau Composite.\" data-no-retina \/><\/a><\/div><div class=\"portfolio-entry-details entry-details wpex-clr\"><h2 class=\"portfolio-entry-title entry-title\"><a href=\"https:\/\/www.garciafaura.com\/fr\/portfolio-item\/bureaux-placa-europa\/\" title=\"Bureaux Pla\u00e7a Europa\">Bureaux Pla\u00e7a Europa<\/a><\/h2><div class=\"portfolio-entry-categories entry-categories wpex-clr\"><a href=\"https:\/\/www.garciafaura.com\/fr\/portfolio-category\/batiments-corporatifs\/\" class=\"term-69\">B\u00e2timents Corporatifs<\/a><\/div><\/div><\/div><\/div><div class=\"portfolio-entry vcex-grid-item entry-has-details span_1_of_3 col col-1 vcex-isotope-entry vcex-no-margin-entry post-20407 entry type-portfolio has-media cat-75 cat-93 translation_priority-5\"><div class=\"portfolio-entry-inner entry-inner wpex-clr\"><div class=\"portfolio-entry-media entry-media wpex-clr\"><a href=\"https:\/\/www.garciafaura.com\/wp-content\/uploads\/2018\/11\/Gimna\u0300s-Arqus-Sport-01.jpg\" title=\"Gymnase Arqus Sport\" class=\"portfolio-entry-media-link wpex-lightbox-gallery\" data-gallery=\"[{&quot;src&quot;:&quot;https:\\\/\\\/www.garciafaura.com\\\/wp-content\\\/uploads\\\/2018\\\/11\\\/Gimna\\u0300s-Arqus-Sport-01.jpg&quot;,&quot;title&quot;:&quot;Mur-rideau bomb\\u00e9 pour les nouvelles installations de ce gymnase&quot;},{&quot;src&quot;:&quot;https:\\\/\\\/www.garciafaura.com\\\/wp-content\\\/uploads\\\/2018\\\/11\\\/Gimna\\u0300s-Arqus-Sport-05.jpg&quot;,&quot;title&quot;:&quot;Mur-rideau bomb\\u00e9 pour les nouvelles installations de ce gymnase&quot;},{&quot;src&quot;:&quot;https:\\\/\\\/www.garciafaura.com\\\/wp-content\\\/uploads\\\/2018\\\/11\\\/Gimna\\u0300s-Arqus-Sport-04.jpg&quot;,&quot;title&quot;:&quot;Mur-rideau bomb\\u00e9 pour les nouvelles installations de ce gymnase&quot;},{&quot;src&quot;:&quot;https:\\\/\\\/www.garciafaura.com\\\/wp-content\\\/uploads\\\/2018\\\/11\\\/Gimna\\u0300s-Arqus-Sport-03.jpg&quot;,&quot;title&quot;:&quot;Mur-rideau bomb\\u00e9 pour les nouvelles installations de ce gymnase&quot;},{&quot;src&quot;:&quot;https:\\\/\\\/www.garciafaura.com\\\/wp-content\\\/uploads\\\/2018\\\/11\\\/Gimna\\u0300s-Arqus-Sport-02.jpg&quot;,&quot;title&quot;:&quot;Mur-rideau bomb\\u00e9 pour les nouvelles installations de ce gymnase&quot;}]\"><img decoding=\"async\" data-no-lazy=\"1\" class=\"portfolio-entry-img skip-lazy\" src=\"https:\/\/www.garciafaura.com\/wp-content\/uploads\/2018\/11\/Gimna\u0300s-Arqus-Sport-01-x.jpg\" alt=\"Mur-rideau Bomb\u00e9 Pour Les Nouvelles Installations De Ce Gymnase\" data-no-retina \/><\/a><\/div><div class=\"portfolio-entry-details entry-details wpex-clr\"><h2 class=\"portfolio-entry-title entry-title\"><a href=\"https:\/\/www.garciafaura.com\/fr\/portfolio-item\/gymnase-arqus-sport\/\" title=\"Gymnase Arqus Sport\">Gymnase Arqus Sport<\/a><\/h2><div class=\"portfolio-entry-categories entry-categories wpex-clr\"><a href=\"https:\/\/www.garciafaura.com\/fr\/portfolio-category\/batiments-de-services\/\" class=\"term-75\">B\u00e2timents de Services<\/a><\/div><\/div><\/div><\/div><div class=\"portfolio-entry vcex-grid-item entry-has-details span_1_of_3 col col-2 vcex-isotope-entry vcex-no-margin-entry post-20406 entry type-portfolio has-media cat-75 cat-92 cat-93 cat-95 translation_priority-5\"><div class=\"portfolio-entry-inner entry-inner wpex-clr\"><div class=\"portfolio-entry-media entry-media wpex-clr\"><a href=\"https:\/\/www.garciafaura.com\/wp-content\/uploads\/2018\/11\/Fira-de-Barcelona-00.jpg\" title=\"Foire de Barcelona Gran Via\" class=\"portfolio-entry-media-link wpex-lightbox-gallery\" data-gallery=\"[{&quot;src&quot;:&quot;https:\\\/\\\/www.garciafaura.com\\\/wp-content\\\/uploads\\\/2018\\\/11\\\/Fira-de-Barcelona-00.jpg&quot;,&quot;title&quot;:&quot;Mur-rideau et fermetures pour le pavillon de la Fira 2 con\\u00e7u par l&#039;architecte Toyo Ito&quot;},{&quot;src&quot;:&quot;https:\\\/\\\/www.garciafaura.com\\\/wp-content\\\/uploads\\\/2018\\\/11\\\/Fira-de-Barcelona-30.jpg&quot;,&quot;title&quot;:&quot;Mur cortina i tancaments del pavell\\u00f3 Fira 2 dissenyat per l&#039;arquitecte Toyo Ito&quot;},{&quot;src&quot;:&quot;https:\\\/\\\/www.garciafaura.com\\\/wp-content\\\/uploads\\\/2018\\\/11\\\/Fira-de-Barcelona-29.jpg&quot;,&quot;title&quot;:&quot;Mur cortina i tancaments del pavell\\u00f3 Fira 2 dissenyat per l&#039;arquitecte Toyo Ito&quot;},{&quot;src&quot;:&quot;https:\\\/\\\/www.garciafaura.com\\\/wp-content\\\/uploads\\\/2018\\\/11\\\/Fira-de-Barcelona-28.jpg&quot;,&quot;title&quot;:&quot;Mur cortina i tancaments del pavell\\u00f3 Fira 2 dissenyat per l&#039;arquitecte Toyo Ito&quot;},{&quot;src&quot;:&quot;https:\\\/\\\/www.garciafaura.com\\\/wp-content\\\/uploads\\\/2018\\\/11\\\/Fira-de-Barcelona-27.jpg&quot;,&quot;title&quot;:&quot;Mur cortina i tancaments del pavell\\u00f3 Fira 2 dissenyat per l&#039;arquitecte Toyo ItoMur cortina i tancaments del pavell\\u00f3 Fira 2 dissenyat per l&#039;arquitecte Toyo Ito&quot;},{&quot;src&quot;:&quot;https:\\\/\\\/www.garciafaura.com\\\/wp-content\\\/uploads\\\/2018\\\/11\\\/Fira-de-Barcelona-26.jpg&quot;,&quot;title&quot;:&quot;Mur cortina i tancaments del pavell\\u00f3 Fira 2 dissenyat per l&#039;arquitecte Toyo Ito&quot;},{&quot;src&quot;:&quot;https:\\\/\\\/www.garciafaura.com\\\/wp-content\\\/uploads\\\/2018\\\/11\\\/Fira-de-Barcelona-25.jpg&quot;,&quot;title&quot;:&quot;Mur cortina i tancaments del pavell\\u00f3 Fira 2 dissenyat per l&#039;arquitecte Toyo Ito&quot;},{&quot;src&quot;:&quot;https:\\\/\\\/www.garciafaura.com\\\/wp-content\\\/uploads\\\/2018\\\/11\\\/Fira-de-Barcelona-23.jpg&quot;,&quot;title&quot;:&quot;Mur cortina i tancaments del pavell\\u00f3 Fira 2 dissenyat per l&#039;arquitecte Toyo Ito&quot;},{&quot;src&quot;:&quot;https:\\\/\\\/www.garciafaura.com\\\/wp-content\\\/uploads\\\/2018\\\/11\\\/Fira-de-Barcelona-24.jpg&quot;,&quot;title&quot;:&quot;Mur cortina i tancaments del pavell\\u00f3 Fira 2 dissenyat per l&#039;arquitecte Toyo Ito&quot;},{&quot;src&quot;:&quot;https:\\\/\\\/www.garciafaura.com\\\/wp-content\\\/uploads\\\/2018\\\/11\\\/Fira-de-Barcelona-22.jpg&quot;,&quot;title&quot;:&quot;Mur cortina i tancaments del pavell\\u00f3 Fira 2 dissenyat per l&#039;arquitecte Toyo Ito&quot;},{&quot;src&quot;:&quot;https:\\\/\\\/www.garciafaura.com\\\/wp-content\\\/uploads\\\/2018\\\/11\\\/Fira-de-Barcelona-21.jpg&quot;,&quot;title&quot;:&quot;Mur cortina i tancaments del pavell\\u00f3 Fira 2 dissenyat per l&#039;arquitecte Toyo Ito&quot;},{&quot;src&quot;:&quot;https:\\\/\\\/www.garciafaura.com\\\/wp-content\\\/uploads\\\/2018\\\/11\\\/Fira-de-Barcelona-20.jpg&quot;,&quot;title&quot;:&quot;Mur cortina i tancaments del pavell\\u00f3 Fira 2 dissenyat per l&#039;arquitecte Toyo Ito&quot;},{&quot;src&quot;:&quot;https:\\\/\\\/www.garciafaura.com\\\/wp-content\\\/uploads\\\/2018\\\/11\\\/Fira-de-Barcelona-19.jpg&quot;,&quot;title&quot;:&quot;Mur cortina i tancaments del pavell\\u00f3 Fira 2 dissenyat per l&#039;arquitecte Toyo Ito&quot;},{&quot;src&quot;:&quot;https:\\\/\\\/www.garciafaura.com\\\/wp-content\\\/uploads\\\/2018\\\/11\\\/Fira-de-Barcelona-18.jpg&quot;,&quot;title&quot;:&quot;Mur cortina i tancaments del pavell\\u00f3 Fira 2 dissenyat per l&#039;arquitecte Toyo Ito&quot;},{&quot;src&quot;:&quot;https:\\\/\\\/www.garciafaura.com\\\/wp-content\\\/uploads\\\/2018\\\/11\\\/Fira-de-Barcelona-17.jpg&quot;,&quot;title&quot;:&quot;Mur cortina i tancaments del pavell\\u00f3 Fira 2 dissenyat per l&#039;arquitecte Toyo Ito&quot;},{&quot;src&quot;:&quot;https:\\\/\\\/www.garciafaura.com\\\/wp-content\\\/uploads\\\/2018\\\/11\\\/Fira-de-Barcelona-16.jpg&quot;,&quot;title&quot;:&quot;Mur cortina i tancaments del pavell\\u00f3 Fira 2 dissenyat per l&#039;arquitecte Toyo Ito&quot;},{&quot;src&quot;:&quot;https:\\\/\\\/www.garciafaura.com\\\/wp-content\\\/uploads\\\/2018\\\/11\\\/Fira-de-Barcelona-15.jpg&quot;,&quot;title&quot;:&quot;Mur cortina i tancaments del pavell\\u00f3 Fira 2 dissenyat per l&#039;arquitecte Toyo Ito&quot;},{&quot;src&quot;:&quot;https:\\\/\\\/www.garciafaura.com\\\/wp-content\\\/uploads\\\/2018\\\/11\\\/Fira-de-Barcelona-14.jpg&quot;,&quot;title&quot;:&quot;Mur cortina i tancaments del pavell\\u00f3 Fira 2 dissenyat per l&#039;arquitecte Toyo Ito&quot;},{&quot;src&quot;:&quot;https:\\\/\\\/www.garciafaura.com\\\/wp-content\\\/uploads\\\/2018\\\/11\\\/Fira-de-Barcelona-13.jpg&quot;,&quot;title&quot;:&quot;Mur cortina i tancaments del pavell\\u00f3 Fira 2 dissenyat per l&#039;arquitecte Toyo Ito&quot;},{&quot;src&quot;:&quot;https:\\\/\\\/www.garciafaura.com\\\/wp-content\\\/uploads\\\/2018\\\/11\\\/Fira-de-Barcelona-12.jpg&quot;,&quot;title&quot;:&quot;Mur cortina i tancaments del pavell\\u00f3 Fira 2 dissenyat per l&#039;arquitecte Toyo Ito&quot;},{&quot;src&quot;:&quot;https:\\\/\\\/www.garciafaura.com\\\/wp-content\\\/uploads\\\/2018\\\/11\\\/Fira-de-Barcelona-11.jpg&quot;,&quot;title&quot;:&quot;Mur cortina i tancaments del pavell\\u00f3 Fira 2 dissenyat per l&#039;arquitecte Toyo Ito&quot;},{&quot;src&quot;:&quot;https:\\\/\\\/www.garciafaura.com\\\/wp-content\\\/uploads\\\/2018\\\/11\\\/Fira-de-Barcelona-10.jpg&quot;,&quot;title&quot;:&quot;Mur cortina i tancaments del pavell\\u00f3 Fira 2 dissenyat per l&#039;arquitecte Toyo Ito&quot;},{&quot;src&quot;:&quot;https:\\\/\\\/www.garciafaura.com\\\/wp-content\\\/uploads\\\/2018\\\/11\\\/Fira-de-Barcelona-09.jpg&quot;,&quot;title&quot;:&quot;Mur cortina i tancaments del pavell\\u00f3 Fira 2 dissenyat per l&#039;arquitecte Toyo Ito&quot;},{&quot;src&quot;:&quot;https:\\\/\\\/www.garciafaura.com\\\/wp-content\\\/uploads\\\/2018\\\/11\\\/Fira-de-Barcelona-07.jpg&quot;,&quot;title&quot;:&quot;Mur cortina i tancaments del pavell\\u00f3 Fira 2 dissenyat per l&#039;arquitecte Toyo Ito&quot;},{&quot;src&quot;:&quot;https:\\\/\\\/www.garciafaura.com\\\/wp-content\\\/uploads\\\/2018\\\/11\\\/Fira-de-Barcelona-08.jpg&quot;,&quot;title&quot;:&quot;Mur cortina i tancaments del pavell\\u00f3 Fira 2 dissenyat per l&#039;arquitecte Toyo Ito&quot;},{&quot;src&quot;:&quot;https:\\\/\\\/www.garciafaura.com\\\/wp-content\\\/uploads\\\/2018\\\/11\\\/Fira-de-Barcelona-06.jpg&quot;,&quot;title&quot;:&quot;Mur cortina i tancaments del pavell\\u00f3 Fira 2 dissenyat per l&#039;arquitecte Toyo Ito&quot;},{&quot;src&quot;:&quot;https:\\\/\\\/www.garciafaura.com\\\/wp-content\\\/uploads\\\/2018\\\/11\\\/Fira-de-Barcelona-05.jpg&quot;,&quot;title&quot;:&quot;Mur cortina i tancaments del pavell\\u00f3 Fira 2 dissenyat per l&#039;arquitecte Toyo Ito&quot;},{&quot;src&quot;:&quot;https:\\\/\\\/www.garciafaura.com\\\/wp-content\\\/uploads\\\/2018\\\/11\\\/Fira-de-Barcelona-04.jpg&quot;,&quot;title&quot;:&quot;Mur cortina i tancaments del pavell\\u00f3 Fira 2 dissenyat per l&#039;arquitecte Toyo Ito&quot;},{&quot;src&quot;:&quot;https:\\\/\\\/www.garciafaura.com\\\/wp-content\\\/uploads\\\/2018\\\/11\\\/Fira-de-Barcelona-03.jpg&quot;,&quot;title&quot;:&quot;Mur cortina i tancaments del pavell\\u00f3 Fira 2 dissenyat per l&#039;arquitecte Toyo Ito&quot;},{&quot;src&quot;:&quot;https:\\\/\\\/www.garciafaura.com\\\/wp-content\\\/uploads\\\/2018\\\/11\\\/Fira-de-Barcelona-02.jpg&quot;,&quot;title&quot;:&quot;Mur cortina i tancaments del pavell\\u00f3 Fira 2 dissenyat per l&#039;arquitecte Toyo Ito&quot;},{&quot;src&quot;:&quot;https:\\\/\\\/www.garciafaura.com\\\/wp-content\\\/uploads\\\/2018\\\/11\\\/Fira-de-Barcelona-01.jpg&quot;,&quot;title&quot;:&quot;Mur cortina i tancaments del pavell\\u00f3 Fira 2 dissenyat per l&#039;arquitecte Toyo Ito&quot;}]\"><img loading=\"lazy\" decoding=\"async\" data-no-lazy=\"1\" class=\"portfolio-entry-img skip-lazy\" src=\"https:\/\/www.garciafaura.com\/wp-content\/uploads\/2018\/11\/Fira-de-Barcelona-00-600x314.jpg\" alt=\"Mur-rideau Et Fermetures Pour Le Pavillon De La Fira 2 Con\u00e7u Par L'architecte Toyo Ito\" data-no-retina width=\"600\" height=\"314\" \/><\/a><\/div><div class=\"portfolio-entry-details entry-details wpex-clr\"><h2 class=\"portfolio-entry-title entry-title\"><a href=\"https:\/\/www.garciafaura.com\/fr\/portfolio-item\/foire-de-barcelona-gran-via\/\" title=\"Foire de Barcelona Gran Via\">Foire de Barcelona Gran Via<\/a><\/h2><div class=\"portfolio-entry-categories entry-categories wpex-clr\"><a href=\"https:\/\/www.garciafaura.com\/fr\/portfolio-category\/batiments-de-services\/\" class=\"term-75\">B\u00e2timents de Services<\/a><\/div><\/div><\/div><\/div><div class=\"portfolio-entry vcex-grid-item entry-has-details span_1_of_3 col col-3 vcex-isotope-entry vcex-no-margin-entry post-20404 entry type-portfolio has-media cat-69 cat-93 translation_priority-5\"><div class=\"portfolio-entry-inner entry-inner wpex-clr\"><div class=\"portfolio-entry-media entry-media wpex-clr\"><a href=\"https:\/\/www.garciafaura.com\/wp-content\/uploads\/2018\/11\/Seu-Indra-Company-03.jpg\" title=\"Si\u00e8ge social Indra\" class=\"portfolio-entry-media-link wpex-lightbox-gallery\" data-gallery=\"[{&quot;src&quot;:&quot;https:\\\/\\\/www.garciafaura.com\\\/wp-content\\\/uploads\\\/2018\\\/11\\\/Seu-Indra-Company-03.jpg&quot;,&quot;title&quot;:&quot;Nouveau b\\u00e2timent corporatif de l&#039;entreprise technologique Indra dans le district 22@ de Barcelone&quot;},{&quot;src&quot;:&quot;https:\\\/\\\/www.garciafaura.com\\\/wp-content\\\/uploads\\\/2018\\\/11\\\/Seu-Indra-Company-07.jpg&quot;,&quot;title&quot;:&quot;Nou edifici corporatiu de l&#039;empresa tecnol\\u00f2gica Indra al districte 22@ de Barcelona&quot;},{&quot;src&quot;:&quot;https:\\\/\\\/www.garciafaura.com\\\/wp-content\\\/uploads\\\/2018\\\/11\\\/Seu-Indra-Company-06.jpg&quot;,&quot;title&quot;:&quot;Nou edifici corporatiu de l&#039;empresa tecnol\\u00f2gica Indra al districte 22@ de Barcelona&quot;},{&quot;src&quot;:&quot;https:\\\/\\\/www.garciafaura.com\\\/wp-content\\\/uploads\\\/2018\\\/11\\\/Seu-Indra-Company-05.jpg&quot;,&quot;title&quot;:&quot;Nou edifici corporatiu de l&#039;empresa tecnol\\u00f2gica Indra al districte 22@ de Barcelona&quot;},{&quot;src&quot;:&quot;https:\\\/\\\/www.garciafaura.com\\\/wp-content\\\/uploads\\\/2018\\\/11\\\/Seu-Indra-Company-04.jpg&quot;,&quot;title&quot;:&quot;Nou edifici corporatiu de l&#039;empresa tecnol\\u00f2gica Indra al districte 22@ de Barcelona&quot;},{&quot;src&quot;:&quot;https:\\\/\\\/www.garciafaura.com\\\/wp-content\\\/uploads\\\/2018\\\/11\\\/Seu-Indra-Company-02.jpg&quot;,&quot;title&quot;:&quot;Nou edifici corporatiu de l&#039;empresa tecnol\\u00f2gica Indra al districte 22@ de Barcelona&quot;},{&quot;src&quot;:&quot;https:\\\/\\\/www.garciafaura.com\\\/wp-content\\\/uploads\\\/2018\\\/11\\\/Seu-Indra-Company-01.jpg&quot;,&quot;title&quot;:&quot;Nou edifici corporatiu de l&#039;empresa tecnol\\u00f2gica Indra al districte 22@ de Barcelona&quot;}]\"><img decoding=\"async\" data-no-lazy=\"1\" class=\"portfolio-entry-img skip-lazy\" src=\"https:\/\/www.garciafaura.com\/wp-content\/uploads\/2018\/11\/Seu-Indra-Company-03-x.jpg\" alt=\"Nouveau B\u00e2timent Corporatif De L'entreprise Technologique Indra Dans Le District 22@ De Barcelone\" data-no-retina \/><\/a><\/div><div class=\"portfolio-entry-details entry-details wpex-clr\"><h2 class=\"portfolio-entry-title entry-title\"><a href=\"https:\/\/www.garciafaura.com\/fr\/portfolio-item\/siege-social-indra\/\" title=\"Si\u00e8ge social Indra\">Si\u00e8ge social Indra<\/a><\/h2><div class=\"portfolio-entry-categories entry-categories wpex-clr\"><a href=\"https:\/\/www.garciafaura.com\/fr\/portfolio-category\/batiments-corporatifs\/\" class=\"term-69\">B\u00e2timents Corporatifs<\/a><\/div><\/div><\/div><\/div><div class=\"portfolio-entry vcex-grid-item entry-has-details span_1_of_3 col col-1 vcex-isotope-entry vcex-no-margin-entry post-20400 entry type-portfolio has-media cat-69 cat-93 translation_priority-5\"><div class=\"portfolio-entry-inner entry-inner wpex-clr\"><div class=\"portfolio-entry-media entry-media wpex-clr\"><a href=\"https:\/\/www.garciafaura.com\/wp-content\/uploads\/2018\/11\/Promocio\u0301-Mas-Blau-01.jpg\" title=\"Promotion Mas Blau\" class=\"portfolio-entry-media-link wpex-lightbox-gallery\" data-gallery=\"[{&quot;src&quot;:&quot;https:\\\/\\\/www.garciafaura.com\\\/wp-content\\\/uploads\\\/2018\\\/11\\\/Promocio\\u0301-Mas-Blau-01.jpg&quot;,&quot;title&quot;:&quot;Murs-rideaux pour le b\\u00e2timent central et travaux de menuiserie en aluminium pour les b\\u00e2timents de services&quot;},{&quot;src&quot;:&quot;https:\\\/\\\/www.garciafaura.com\\\/wp-content\\\/uploads\\\/2018\\\/11\\\/Promocio\\u0301-Mas-Blau-17.jpg&quot;,&quot;title&quot;:&quot;Murs cortina de l&#039;edifici central i treballs de fusteria d&#039;alumini en edificis de serveis&quot;},{&quot;src&quot;:&quot;https:\\\/\\\/www.garciafaura.com\\\/wp-content\\\/uploads\\\/2018\\\/11\\\/Promocio\\u0301-Mas-Blau-15.jpg&quot;,&quot;title&quot;:&quot;Murs cortina de l&#039;edifici central i treballs de fusteria d&#039;alumini en edificis de serveis&quot;},{&quot;src&quot;:&quot;https:\\\/\\\/www.garciafaura.com\\\/wp-content\\\/uploads\\\/2018\\\/11\\\/Promocio\\u0301-Mas-Blau-16.jpg&quot;,&quot;title&quot;:&quot;Murs cortina de l&#039;edifici central i treballs de fusteria d&#039;alumini en edificis de serveis&quot;},{&quot;src&quot;:&quot;https:\\\/\\\/www.garciafaura.com\\\/wp-content\\\/uploads\\\/2018\\\/11\\\/Promocio\\u0301-Mas-Blau-14.jpg&quot;,&quot;title&quot;:&quot;Murs cortina de l&#039;edifici central i treballs de fusteria d&#039;alumini en edificis de serveis&quot;},{&quot;src&quot;:&quot;https:\\\/\\\/www.garciafaura.com\\\/wp-content\\\/uploads\\\/2018\\\/11\\\/Promocio\\u0301-Mas-Blau-13.jpg&quot;,&quot;title&quot;:&quot;Murs cortina de l&#039;edifici central i treballs de fusteria d&#039;alumini en edificis de serveis&quot;},{&quot;src&quot;:&quot;https:\\\/\\\/www.garciafaura.com\\\/wp-content\\\/uploads\\\/2018\\\/11\\\/Promocio\\u0301-Mas-Blau-12.jpg&quot;,&quot;title&quot;:&quot;Murs cortina de l&#039;edifici central i treballs de fusteria d&#039;alumini en edificis de serveis&quot;},{&quot;src&quot;:&quot;https:\\\/\\\/www.garciafaura.com\\\/wp-content\\\/uploads\\\/2018\\\/11\\\/Promocio\\u0301-Mas-Blau-11.jpg&quot;,&quot;title&quot;:&quot;Murs cortina de l&#039;edifici central i treballs de fusteria d&#039;alumini en edificis de serveis&quot;},{&quot;src&quot;:&quot;https:\\\/\\\/www.garciafaura.com\\\/wp-content\\\/uploads\\\/2018\\\/11\\\/Promocio\\u0301-Mas-Blau-10.jpg&quot;,&quot;title&quot;:&quot;Murs cortina de l&#039;edifici central i treballs de fusteria d&#039;alumini en edificis de serveis&quot;},{&quot;src&quot;:&quot;https:\\\/\\\/www.garciafaura.com\\\/wp-content\\\/uploads\\\/2018\\\/11\\\/Promocio\\u0301-Mas-Blau-09.jpg&quot;,&quot;title&quot;:&quot;Murs cortina de l&#039;edifici central i treballs de fusteria d&#039;alumini en edificis de serveis&quot;},{&quot;src&quot;:&quot;https:\\\/\\\/www.garciafaura.com\\\/wp-content\\\/uploads\\\/2018\\\/11\\\/Promocio\\u0301-Mas-Blau-08.jpg&quot;,&quot;title&quot;:&quot;Murs cortina de l&#039;edifici central i treballs de fusteria d&#039;alumini en edificis de serveis&quot;},{&quot;src&quot;:&quot;https:\\\/\\\/www.garciafaura.com\\\/wp-content\\\/uploads\\\/2018\\\/11\\\/Promocio\\u0301-Mas-Blau-07.jpg&quot;,&quot;title&quot;:&quot;Murs cortina de l&#039;edifici central i treballs de fusteria d&#039;alumini en edificis de serveis&quot;},{&quot;src&quot;:&quot;https:\\\/\\\/www.garciafaura.com\\\/wp-content\\\/uploads\\\/2018\\\/11\\\/Promocio\\u0301-Mas-Blau-06.jpg&quot;,&quot;title&quot;:&quot;Murs cortina de l&#039;edifici central i treballs de fusteria d&#039;alumini en edificis de serveis&quot;},{&quot;src&quot;:&quot;https:\\\/\\\/www.garciafaura.com\\\/wp-content\\\/uploads\\\/2018\\\/11\\\/Promocio\\u0301-Mas-Blau-05.jpg&quot;,&quot;title&quot;:&quot;Murs cortina de l&#039;edifici central i treballs de fusteria d&#039;alumini en edificis de serveis&quot;},{&quot;src&quot;:&quot;https:\\\/\\\/www.garciafaura.com\\\/wp-content\\\/uploads\\\/2018\\\/11\\\/Promocio\\u0301-Mas-Blau-04.jpg&quot;,&quot;title&quot;:&quot;Murs cortina de l&#039;edifici central i treballs de fusteria d&#039;alumini en edificis de serveis&quot;},{&quot;src&quot;:&quot;https:\\\/\\\/www.garciafaura.com\\\/wp-content\\\/uploads\\\/2018\\\/11\\\/Promocio\\u0301-Mas-Blau-03.jpg&quot;,&quot;title&quot;:&quot;Murs cortina de l&#039;edifici central i treballs de fusteria d&#039;alumini en edificis de serveis&quot;},{&quot;src&quot;:&quot;https:\\\/\\\/www.garciafaura.com\\\/wp-content\\\/uploads\\\/2018\\\/11\\\/Promocio\\u0301-Mas-Blau-02.jpg&quot;,&quot;title&quot;:&quot;Murs cortina de l&#039;edifici central i treballs de fusteria d&#039;alumini en edificis de serveis&quot;}]\"><img decoding=\"async\" data-no-lazy=\"1\" class=\"portfolio-entry-img skip-lazy\" src=\"https:\/\/www.garciafaura.com\/wp-content\/uploads\/2018\/11\/Promocio\u0301-Mas-Blau-01-x.jpg\" alt=\"Murs-rideaux Pour Le B\u00e2timent Central Et Travaux De Menuiserie En Aluminium Pour Les B\u00e2timents De Services\" data-no-retina \/><\/a><\/div><div class=\"portfolio-entry-details entry-details wpex-clr\"><h2 class=\"portfolio-entry-title entry-title\"><a href=\"https:\/\/www.garciafaura.com\/fr\/portfolio-item\/promotion-mas-blau\/\" title=\"Promotion Mas Blau\">Promotion Mas Blau<\/a><\/h2><div class=\"portfolio-entry-categories entry-categories wpex-clr\"><a href=\"https:\/\/www.garciafaura.com\/fr\/portfolio-category\/batiments-corporatifs\/\" class=\"term-69\">B\u00e2timents Corporatifs<\/a><\/div><\/div><\/div><\/div><div class=\"portfolio-entry vcex-grid-item entry-has-details span_1_of_3 col col-2 vcex-isotope-entry vcex-no-margin-entry post-20397 entry type-portfolio has-media cat-75 cat-93 translation_priority-5\"><div class=\"portfolio-entry-inner entry-inner wpex-clr\"><div class=\"portfolio-entry-media entry-media wpex-clr\"><a href=\"https:\/\/www.garciafaura.com\/wp-content\/uploads\/2018\/11\/BMW-Tarragona-01.jpg\" title=\"BMW Tarragona\" class=\"portfolio-entry-media-link wpex-lightbox-gallery\" data-gallery=\"[{&quot;src&quot;:&quot;https:\\\/\\\/www.garciafaura.com\\\/wp-content\\\/uploads\\\/2018\\\/11\\\/BMW-Tarragona-01.jpg&quot;,&quot;title&quot;:&quot;Nouveau concessionnaire de la marque BMW \\u00e0 Tarragona&quot;},{&quot;src&quot;:&quot;https:\\\/\\\/www.garciafaura.com\\\/wp-content\\\/uploads\\\/2018\\\/11\\\/BMW-Tarragona-07.jpg&quot;,&quot;title&quot;:&quot;Nou concessionari de la marca BMW a Tarragona&quot;},{&quot;src&quot;:&quot;https:\\\/\\\/www.garciafaura.com\\\/wp-content\\\/uploads\\\/2018\\\/11\\\/BMW-Tarragona-06.jpg&quot;,&quot;title&quot;:&quot;Nou concessionari de la marca BMW a Tarragona&quot;},{&quot;src&quot;:&quot;https:\\\/\\\/www.garciafaura.com\\\/wp-content\\\/uploads\\\/2018\\\/11\\\/BMW-Tarragona-05.jpg&quot;,&quot;title&quot;:&quot;Nou concessionari de la marca BMW a Tarragona&quot;},{&quot;src&quot;:&quot;https:\\\/\\\/www.garciafaura.com\\\/wp-content\\\/uploads\\\/2018\\\/11\\\/BMW-Tarragona-04.jpg&quot;,&quot;title&quot;:&quot;Nou concessionari de la marca BMW a Tarragona&quot;},{&quot;src&quot;:&quot;https:\\\/\\\/www.garciafaura.com\\\/wp-content\\\/uploads\\\/2018\\\/11\\\/BMW-Tarragona-03.jpg&quot;,&quot;title&quot;:&quot;Nou concessionari de la marca BMW a Tarragona&quot;},{&quot;src&quot;:&quot;https:\\\/\\\/www.garciafaura.com\\\/wp-content\\\/uploads\\\/2018\\\/11\\\/BMW-Tarragona-02.jpg&quot;,&quot;title&quot;:&quot;Nou concessionari de la marca BMW a Tarragona&quot;}]\"><img loading=\"lazy\" decoding=\"async\" data-no-lazy=\"1\" class=\"portfolio-entry-img skip-lazy\" src=\"https:\/\/www.garciafaura.com\/wp-content\/uploads\/2018\/11\/BMW-Tarragona-01-600x314.jpg\" alt=\"Nouveau Concessionnaire De La Marque BMW \u00e0 Tarragona\" data-no-retina width=\"600\" height=\"314\" \/><\/a><\/div><div class=\"portfolio-entry-details entry-details wpex-clr\"><h2 class=\"portfolio-entry-title entry-title\"><a href=\"https:\/\/www.garciafaura.com\/fr\/portfolio-item\/bmw-tarragona\/\" title=\"BMW Tarragona\">BMW Tarragona<\/a><\/h2><div class=\"portfolio-entry-categories entry-categories wpex-clr\"><a href=\"https:\/\/www.garciafaura.com\/fr\/portfolio-category\/batiments-de-services\/\" class=\"term-75\">B\u00e2timents de Services<\/a><\/div><\/div><\/div><\/div><div class=\"portfolio-entry vcex-grid-item entry-has-details span_1_of_3 col col-3 vcex-isotope-entry vcex-no-margin-entry post-20396 entry type-portfolio has-media cat-69 cat-93 translation_priority-5\"><div class=\"portfolio-entry-inner entry-inner wpex-clr\"><div class=\"portfolio-entry-media entry-media wpex-clr\"><a href=\"https:\/\/www.garciafaura.com\/wp-content\/uploads\/2018\/11\/Edifici-Big-Mat-Vilanova-01.jpg\" title=\"Bigmat Vilanova i la Geltr\u00fa\" class=\"portfolio-entry-media-link wpex-lightbox-gallery\" data-gallery=\"[{&quot;src&quot;:&quot;https:\\\/\\\/www.garciafaura.com\\\/wp-content\\\/uploads\\\/2018\\\/11\\\/Edifici-Big-Mat-Vilanova-01.jpg&quot;,&quot;title&quot;:&quot;Fa\\u00e7ade et fermetures en aluminium et verre pour le si\\u00e8ge de Vilanova i la Geltr\\u00fa&quot;},{&quot;src&quot;:&quot;https:\\\/\\\/www.garciafaura.com\\\/wp-content\\\/uploads\\\/2018\\\/11\\\/Edifici-Big-Mat-Vilanova-04.jpg&quot;,&quot;title&quot;:&quot;Fa\\u00e7ana i tancaments en alumini i vidre de la seu de Vilanova i la Geltr\\u00fa&quot;},{&quot;src&quot;:&quot;https:\\\/\\\/www.garciafaura.com\\\/wp-content\\\/uploads\\\/2018\\\/11\\\/Edifici-Big-Mat-Vilanova-03.jpg&quot;,&quot;title&quot;:&quot;Fa\\u00e7ana i tancaments en alumini i vidre de la seu de Vilanova i la Geltr\\u00fa&quot;},{&quot;src&quot;:&quot;https:\\\/\\\/www.garciafaura.com\\\/wp-content\\\/uploads\\\/2018\\\/11\\\/Edifici-Big-Mat-Vilanova-02.jpg&quot;,&quot;title&quot;:&quot;Fa\\u00e7ana i tancaments en alumini i vidre de la seu de Vilanova i la Geltr\\u00fa&quot;}]\"><img decoding=\"async\" data-no-lazy=\"1\" class=\"portfolio-entry-img skip-lazy\" src=\"https:\/\/www.garciafaura.com\/wp-content\/uploads\/2018\/11\/Edifici-Big-Mat-Vilanova-01-x.jpg\" alt=\"Fa\u00e7ade Et Fermetures En Aluminium Et Verre Pour Le Si\u00e8ge De Vilanova I La Geltr\u00fa\" data-no-retina \/><\/a><\/div><div class=\"portfolio-entry-details entry-details wpex-clr\"><h2 class=\"portfolio-entry-title entry-title\"><a href=\"https:\/\/www.garciafaura.com\/fr\/portfolio-item\/bigmat-vilanova-i-la-geltru\/\" title=\"Bigmat Vilanova i la Geltr\u00fa\">Bigmat Vilanova i la Geltr\u00fa<\/a><\/h2><div class=\"portfolio-entry-categories entry-categories wpex-clr\"><a href=\"https:\/\/www.garciafaura.com\/fr\/portfolio-category\/batiments-corporatifs\/\" class=\"term-69\">B\u00e2timents Corporatifs<\/a><\/div><\/div><\/div><\/div><div class=\"portfolio-entry vcex-grid-item entry-has-details span_1_of_3 col col-1 vcex-isotope-entry vcex-no-margin-entry post-20392 entry type-portfolio has-media cat-93 cat-94 translation_priority-5\"><div class=\"portfolio-entry-inner entry-inner wpex-clr\"><div class=\"portfolio-entry-media entry-media wpex-clr\"><a href=\"https:\/\/www.garciafaura.com\/wp-content\/uploads\/2018\/11\/Rafael-Hoteles-Casanova-14.jpg\" title=\"Rafael Hoteles Casanova\" class=\"portfolio-entry-media-link wpex-lightbox-gallery\" data-gallery=\"[{&quot;src&quot;:&quot;https:\\\/\\\/www.garciafaura.com\\\/wp-content\\\/uploads\\\/2018\\\/11\\\/Rafael-Hoteles-Casanova-05.jpg&quot;,&quot;title&quot;:&quot;Tancaments i fa\\u00e7ana interior d&#039;aquest establiment hoteler del centre de Barcelona&quot;},{&quot;src&quot;:&quot;https:\\\/\\\/www.garciafaura.com\\\/wp-content\\\/uploads\\\/2018\\\/11\\\/Rafael-Hoteles-Casanova-14.jpg&quot;,&quot;title&quot;:&quot;Fermetures et fa\\u00e7ade int\\u00e9rieure pour cet \\u00e9tablissement h\\u00f4telier du centre de Barcelone&quot;},{&quot;src&quot;:&quot;https:\\\/\\\/www.garciafaura.com\\\/wp-content\\\/uploads\\\/2018\\\/11\\\/Rafael-Hoteles-Casanova-13.jpg&quot;,&quot;title&quot;:&quot;Tancaments i fa\\u00e7ana interior d&#039;aquest establiment hoteler del centre de Barcelona&quot;},{&quot;src&quot;:&quot;https:\\\/\\\/www.garciafaura.com\\\/wp-content\\\/uploads\\\/2018\\\/11\\\/Rafael-Hoteles-Casanova-12.jpg&quot;,&quot;title&quot;:&quot;Tancaments i fa\\u00e7ana interior d&#039;aquest establiment hoteler del centre de Barcelona&quot;},{&quot;src&quot;:&quot;https:\\\/\\\/www.garciafaura.com\\\/wp-content\\\/uploads\\\/2018\\\/11\\\/Rafael-Hoteles-Casanova-11.jpg&quot;,&quot;title&quot;:&quot;Tancaments i fa\\u00e7ana interior d&#039;aquest establiment hoteler del centre de Barcelona&quot;},{&quot;src&quot;:&quot;https:\\\/\\\/www.garciafaura.com\\\/wp-content\\\/uploads\\\/2018\\\/11\\\/Rafael-Hoteles-Casanova-10.jpg&quot;,&quot;title&quot;:&quot;Tancaments i fa\\u00e7ana interior d&#039;aquest establiment hoteler del centre de Barcelona&quot;},{&quot;src&quot;:&quot;https:\\\/\\\/www.garciafaura.com\\\/wp-content\\\/uploads\\\/2018\\\/11\\\/Rafael-Hoteles-Casanova-09.jpg&quot;,&quot;title&quot;:&quot;Tancaments i fa\\u00e7ana interior d&#039;aquest establiment hoteler del centre de Barcelona&quot;},{&quot;src&quot;:&quot;https:\\\/\\\/www.garciafaura.com\\\/wp-content\\\/uploads\\\/2018\\\/11\\\/Rafael-Hoteles-Casanova-08.jpg&quot;,&quot;title&quot;:&quot;Tancaments i fa\\u00e7ana interior d&#039;aquest establiment hoteler del centre de Barcelona&quot;},{&quot;src&quot;:&quot;https:\\\/\\\/www.garciafaura.com\\\/wp-content\\\/uploads\\\/2018\\\/11\\\/Rafael-Hoteles-Casanova-06.jpg&quot;,&quot;title&quot;:&quot;Tancaments i fa\\u00e7ana interior d&#039;aquest establiment hoteler del centre de Barcelona&quot;},{&quot;src&quot;:&quot;https:\\\/\\\/www.garciafaura.com\\\/wp-content\\\/uploads\\\/2018\\\/11\\\/Rafael-Hoteles-Casanova-07.jpg&quot;,&quot;title&quot;:&quot;Tancaments i fa\\u00e7ana interior d&#039;aquest establiment hoteler del centre de Barcelona&quot;},{&quot;src&quot;:&quot;https:\\\/\\\/www.garciafaura.com\\\/wp-content\\\/uploads\\\/2018\\\/11\\\/Rafael-Hoteles-Casanova-04.jpg&quot;,&quot;title&quot;:&quot;Tancaments i fa\\u00e7ana interior d&#039;aquest establiment hoteler del centre de Barcelona&quot;}]\"><img decoding=\"async\" data-no-lazy=\"1\" class=\"portfolio-entry-img skip-lazy\" src=\"https:\/\/www.garciafaura.com\/wp-content\/uploads\/2018\/11\/Rafael-Hoteles-Casanova-14-x.jpg\" alt=\"Fermetures Et Fa\u00e7ade Int\u00e9rieure Pour Cet \u00e9tablissement H\u00f4telier Du Centre De Barcelone\" data-no-retina \/><\/a><\/div><div class=\"portfolio-entry-details entry-details wpex-clr\"><h2 class=\"portfolio-entry-title entry-title\"><a href=\"https:\/\/www.garciafaura.com\/fr\/portfolio-item\/rafael-hoteles-casanova\/\" title=\"Rafael Hoteles Casanova\">Rafael Hoteles Casanova<\/a><\/h2><div class=\"portfolio-entry-categories entry-categories wpex-clr\"><a href=\"https:\/\/www.garciafaura.com\/fr\/portfolio-category\/facades-fr\/\" class=\"term-93\">Fa\u00e7ades<\/a><\/div><\/div><\/div><\/div><div class=\"portfolio-entry vcex-grid-item entry-has-details span_1_of_3 col col-2 vcex-isotope-entry vcex-no-margin-entry post-20360 entry type-portfolio has-media cat-69 cat-93 translation_priority-5\"><div class=\"portfolio-entry-inner entry-inner wpex-clr\"><div class=\"portfolio-entry-media entry-media wpex-clr\"><a href=\"https:\/\/www.garciafaura.com\/wp-content\/uploads\/2018\/11\/Inbisa-22@-01.jpg\" title=\"Promotion Inbisa 22@\" class=\"portfolio-entry-media-link wpex-lightbox-gallery\" data-gallery=\"[{&quot;src&quot;:&quot;https:\\\/\\\/www.garciafaura.com\\\/wp-content\\\/uploads\\\/2018\\\/11\\\/Inbisa-22@-01.jpg&quot;,&quot;title&quot;:&quot;Mur-rideau, protections solaires de structure m\\u00e9tallique et verre s\\u00e9rigraphi\\u00e9&quot;},{&quot;src&quot;:&quot;https:\\\/\\\/www.garciafaura.com\\\/wp-content\\\/uploads\\\/2018\\\/11\\\/Inbisa-22@-14.jpg&quot;,&quot;title&quot;:&quot;Mur cortina, proteccions solars d&#039;estructura met\\u00e0l\\u00b7lica i vidres serigrafiats&quot;},{&quot;src&quot;:&quot;https:\\\/\\\/www.garciafaura.com\\\/wp-content\\\/uploads\\\/2018\\\/11\\\/Inbisa-22@-13.jpg&quot;,&quot;title&quot;:&quot;Mur cortina, proteccions solars d&#039;estructura met\\u00e0l\\u00b7lica i vidres serigrafiats&quot;},{&quot;src&quot;:&quot;https:\\\/\\\/www.garciafaura.com\\\/wp-content\\\/uploads\\\/2018\\\/11\\\/Inbisa-22@-12.jpg&quot;,&quot;title&quot;:&quot;Mur cortina, proteccions solars d&#039;estructura met\\u00e0l\\u00b7lica i vidres serigrafiats&quot;},{&quot;src&quot;:&quot;https:\\\/\\\/www.garciafaura.com\\\/wp-content\\\/uploads\\\/2018\\\/11\\\/Inbisa-22@-11.jpg&quot;,&quot;title&quot;:&quot;Mur cortina, proteccions solars d&#039;estructura met\\u00e0l\\u00b7lica i vidres serigrafiats&quot;},{&quot;src&quot;:&quot;https:\\\/\\\/www.garciafaura.com\\\/wp-content\\\/uploads\\\/2018\\\/11\\\/Inbisa-22@-10.jpg&quot;,&quot;title&quot;:&quot;Mur cortina, proteccions solars d&#039;estructura met\\u00e0l\\u00b7lica i vidres serigrafiats&quot;},{&quot;src&quot;:&quot;https:\\\/\\\/www.garciafaura.com\\\/wp-content\\\/uploads\\\/2018\\\/11\\\/Inbisa-22@-09.jpg&quot;,&quot;title&quot;:&quot;Mur cortina, proteccions solars d&#039;estructura met\\u00e0l\\u00b7lica i vidres serigrafiats&quot;},{&quot;src&quot;:&quot;https:\\\/\\\/www.garciafaura.com\\\/wp-content\\\/uploads\\\/2018\\\/11\\\/Inbisa-22@-08.jpg&quot;,&quot;title&quot;:&quot;Mur cortina, proteccions solars d&#039;estructura met\\u00e0l\\u00b7lica i vidres serigrafiats&quot;},{&quot;src&quot;:&quot;https:\\\/\\\/www.garciafaura.com\\\/wp-content\\\/uploads\\\/2018\\\/11\\\/Inbisa-22@-07.jpg&quot;,&quot;title&quot;:&quot;Mur cortina, proteccions solars d&#039;estructura met\\u00e0l\\u00b7lica i vidres serigrafiats&quot;},{&quot;src&quot;:&quot;https:\\\/\\\/www.garciafaura.com\\\/wp-content\\\/uploads\\\/2018\\\/11\\\/Inbisa-22@-05.jpg&quot;,&quot;title&quot;:&quot;Mur cortina, proteccions solars d&#039;estructura met\\u00e0l\\u00b7lica i vidres serigrafiats&quot;},{&quot;src&quot;:&quot;https:\\\/\\\/www.garciafaura.com\\\/wp-content\\\/uploads\\\/2018\\\/11\\\/Inbisa-22@-06.jpg&quot;,&quot;title&quot;:&quot;Mur cortina, proteccions solars d&#039;estructura met\\u00e0l\\u00b7lica i vidres serigrafiats&quot;},{&quot;src&quot;:&quot;https:\\\/\\\/www.garciafaura.com\\\/wp-content\\\/uploads\\\/2018\\\/11\\\/Inbisa-22@-04.jpg&quot;,&quot;title&quot;:&quot;Mur cortina, proteccions solars d&#039;estructura met\\u00e0l\\u00b7lica i vidres serigrafiats&quot;},{&quot;src&quot;:&quot;https:\\\/\\\/www.garciafaura.com\\\/wp-content\\\/uploads\\\/2018\\\/11\\\/Inbisa-22@-03.jpg&quot;,&quot;title&quot;:&quot;Mur cortina, proteccions solars d&#039;estructura met\\u00e0l\\u00b7lica i vidres serigrafiats&quot;},{&quot;src&quot;:&quot;https:\\\/\\\/www.garciafaura.com\\\/wp-content\\\/uploads\\\/2018\\\/11\\\/Inbisa-22@-02.jpg&quot;,&quot;title&quot;:&quot;Mur cortina, proteccions solars d&#039;estructura met\\u00e0l\\u00b7lica i vidres serigrafiats&quot;}]\"><img decoding=\"async\" data-no-lazy=\"1\" class=\"portfolio-entry-img skip-lazy\" src=\"https:\/\/www.garciafaura.com\/wp-content\/uploads\/2018\/11\/Inbisa-22@-01-x.jpg\" alt=\"Mur-rideau, Protections Solaires De Structure M\u00e9tallique Et Verre S\u00e9rigraphi\u00e9\" data-no-retina \/><\/a><\/div><div class=\"portfolio-entry-details entry-details wpex-clr\"><h2 class=\"portfolio-entry-title entry-title\"><a href=\"https:\/\/www.garciafaura.com\/fr\/portfolio-item\/promotion-inbisa-22\/\" title=\"Promotion Inbisa 22@\">Promotion Inbisa 22@<\/a><\/h2><div class=\"portfolio-entry-categories entry-categories wpex-clr\"><a href=\"https:\/\/www.garciafaura.com\/fr\/portfolio-category\/batiments-corporatifs\/\" class=\"term-69\">B\u00e2timents Corporatifs<\/a><\/div><\/div><\/div><\/div><div class=\"portfolio-entry vcex-grid-item entry-has-details span_1_of_3 col col-3 vcex-isotope-entry vcex-no-margin-entry post-20357 entry type-portfolio has-media cat-77 cat-91 cat-93 translation_priority-5\"><div class=\"portfolio-entry-inner entry-inner wpex-clr\"><div class=\"portfolio-entry-media entry-media wpex-clr\"><a href=\"https:\/\/www.garciafaura.com\/wp-content\/uploads\/2018\/11\/Doctor-Carulla-000.jpg\" title=\"Logements Doctor Carulla\" class=\"portfolio-entry-media-link wpex-lightbox-gallery\" data-gallery=\"[{&quot;src&quot;:&quot;https:\\\/\\\/www.garciafaura.com\\\/wp-content\\\/uploads\\\/2018\\\/11\\\/Doctor-Carulla-000.jpg&quot;},{&quot;src&quot;:&quot;https:\\\/\\\/www.garciafaura.com\\\/wp-content\\\/uploads\\\/2018\\\/11\\\/Doctor-Carulla-00.jpg&quot;},{&quot;src&quot;:&quot;https:\\\/\\\/www.garciafaura.com\\\/wp-content\\\/uploads\\\/2018\\\/11\\\/Doctor-Carulla-07.jpg&quot;,&quot;title&quot;:&quot;Arquitectura de la fa\\u00e7ana i conjunt de tancaments d&#039;aquest modern habitatge&quot;},{&quot;src&quot;:&quot;https:\\\/\\\/www.garciafaura.com\\\/wp-content\\\/uploads\\\/2018\\\/11\\\/Doctor-Carulla-06.jpg&quot;,&quot;title&quot;:&quot;Arquitectura de la fa\\u00e7ana i conjunt de tancaments d&#039;aquest modern habitatge&quot;},{&quot;src&quot;:&quot;https:\\\/\\\/www.garciafaura.com\\\/wp-content\\\/uploads\\\/2018\\\/11\\\/Doctor-Carulla-05.jpg&quot;,&quot;title&quot;:&quot;Arquitectura de la fa\\u00e7ana i conjunt de tancaments d&#039;aquest modern habitatge&quot;},{&quot;src&quot;:&quot;https:\\\/\\\/www.garciafaura.com\\\/wp-content\\\/uploads\\\/2018\\\/11\\\/Doctor-Carulla-04.jpg&quot;,&quot;title&quot;:&quot;Arquitectura de la fa\\u00e7ana i conjunt de tancaments d&#039;aquest modern habitatge&quot;},{&quot;src&quot;:&quot;https:\\\/\\\/www.garciafaura.com\\\/wp-content\\\/uploads\\\/2018\\\/11\\\/Doctor-Carulla-03.jpg&quot;,&quot;title&quot;:&quot;Arquitectura de la fa\\u00e7ana i conjunt de tancaments d&#039;aquest modern habitatge&quot;},{&quot;src&quot;:&quot;https:\\\/\\\/www.garciafaura.com\\\/wp-content\\\/uploads\\\/2018\\\/11\\\/Doctor-Carulla-02.jpg&quot;,&quot;title&quot;:&quot;Arquitectura de la fa\\u00e7ana i conjunt de tancaments d&#039;aquest modern habitatge&quot;},{&quot;src&quot;:&quot;https:\\\/\\\/www.garciafaura.com\\\/wp-content\\\/uploads\\\/2018\\\/11\\\/Doctor-Carulla-01.jpg&quot;,&quot;title&quot;:&quot;Arquitectura de la fa\\u00e7ana i conjunt de tancaments d&#039;aquest modern habitatge&quot;}]\"><img loading=\"lazy\" decoding=\"async\" data-no-lazy=\"1\" class=\"portfolio-entry-img skip-lazy\" src=\"https:\/\/www.garciafaura.com\/wp-content\/uploads\/2018\/11\/Doctor-Carulla-000-600x314.jpg\" alt='' data-no-retina width=\"600\" height=\"314\" \/><\/a><\/div><div class=\"portfolio-entry-details entry-details wpex-clr\"><h2 class=\"portfolio-entry-title entry-title\"><a href=\"https:\/\/www.garciafaura.com\/fr\/portfolio-item\/logements-doctor-carulla\/\" title=\"Logements Doctor Carulla\">Logements Doctor Carulla<\/a><\/h2><div class=\"portfolio-entry-categories entry-categories wpex-clr\"><a href=\"https:\/\/www.garciafaura.com\/fr\/portfolio-category\/ensembles-residentiels\/\" class=\"term-77\">Ensembles r\u00e9sidentiels<\/a><\/div><\/div><\/div><\/div><div class=\"portfolio-entry vcex-grid-item entry-has-details span_1_of_3 col col-1 vcex-isotope-entry vcex-no-margin-entry post-20354 entry type-portfolio has-media cat-69 cat-93 translation_priority-5\"><div class=\"portfolio-entry-inner entry-inner wpex-clr\"><div class=\"portfolio-entry-media entry-media wpex-clr\"><a href=\"https:\/\/www.garciafaura.com\/wp-content\/uploads\/2018\/11\/Seu-RBA-04.jpg\" title=\"Si\u00e8ge RBA Editores\" class=\"portfolio-entry-media-link wpex-lightbox-gallery\" data-gallery=\"[{&quot;src&quot;:&quot;https:\\\/\\\/www.garciafaura.com\\\/wp-content\\\/uploads\\\/2018\\\/11\\\/Seu-RBA-04.jpg&quot;,&quot;title&quot;:&quot;Fa\\u00e7ade et ensemble de fermetures int\\u00e9rieures et ext\\u00e9rieures pour le nouveau si\\u00e8ge social du groupe \\u00e9ditorial&quot;},{&quot;src&quot;:&quot;https:\\\/\\\/www.garciafaura.com\\\/wp-content\\\/uploads\\\/2018\\\/11\\\/Seu-RBA-14.jpg&quot;,&quot;title&quot;:&quot;Fa\\u00e7ana i conjunt de tancaments interiors i exteriors\\u00a0de la nova seu corporativa del grup editorialFa\\u00e7ana i conjunt de tancaments interiors i exteriors\\u00a0de la nova seu corporativa del grup editorial&quot;},{&quot;src&quot;:&quot;https:\\\/\\\/www.garciafaura.com\\\/wp-content\\\/uploads\\\/2018\\\/11\\\/Seu-RBA-13.jpg&quot;,&quot;title&quot;:&quot;Fa\\u00e7ana i conjunt de tancaments interiors i exteriors\\u00a0de la nova seu corporativa del grup editorial&quot;},{&quot;src&quot;:&quot;https:\\\/\\\/www.garciafaura.com\\\/wp-content\\\/uploads\\\/2018\\\/11\\\/Seu-RBA-12.jpg&quot;,&quot;title&quot;:&quot;Fa\\u00e7ana i conjunt de tancaments interiors i exteriors\\u00a0de la nova seu corporativa del grup editorial&quot;},{&quot;src&quot;:&quot;https:\\\/\\\/www.garciafaura.com\\\/wp-content\\\/uploads\\\/2018\\\/11\\\/Seu-RBA-11.jpg&quot;,&quot;title&quot;:&quot;Fa\\u00e7ana i conjunt de tancaments interiors i exteriors\\u00a0de la nova seu corporativa del grup editorial&quot;},{&quot;src&quot;:&quot;https:\\\/\\\/www.garciafaura.com\\\/wp-content\\\/uploads\\\/2018\\\/11\\\/Seu-RBA-10.jpg&quot;,&quot;title&quot;:&quot;Fa\\u00e7ana i conjunt de tancaments interiors i exteriors\\u00a0de la nova seu corporativa del grup editorial&quot;},{&quot;src&quot;:&quot;https:\\\/\\\/www.garciafaura.com\\\/wp-content\\\/uploads\\\/2018\\\/11\\\/Seu-RBA-09.jpg&quot;,&quot;title&quot;:&quot;Fa\\u00e7ana i conjunt de tancaments interiors i exteriors\\u00a0de la nova seu corporativa del grup editorial&quot;},{&quot;src&quot;:&quot;https:\\\/\\\/www.garciafaura.com\\\/wp-content\\\/uploads\\\/2018\\\/11\\\/Seu-RBA-08.jpg&quot;,&quot;title&quot;:&quot;Fa\\u00e7ana i conjunt de tancaments interiors i exteriors\\u00a0de la nova seu corporativa del grup editorial&quot;},{&quot;src&quot;:&quot;https:\\\/\\\/www.garciafaura.com\\\/wp-content\\\/uploads\\\/2018\\\/11\\\/Seu-RBA-07.jpg&quot;,&quot;title&quot;:&quot;Fa\\u00e7ana i conjunt de tancaments interiors i exteriors\\u00a0de la nova seu corporativa del grup editorial&quot;},{&quot;src&quot;:&quot;https:\\\/\\\/www.garciafaura.com\\\/wp-content\\\/uploads\\\/2018\\\/11\\\/Seu-RBA-06.jpg&quot;,&quot;title&quot;:&quot;Fa\\u00e7ana i conjunt de tancaments interiors i exteriors\\u00a0de la nova seu corporativa del grup editorial&quot;},{&quot;src&quot;:&quot;https:\\\/\\\/www.garciafaura.com\\\/wp-content\\\/uploads\\\/2018\\\/11\\\/Seu-RBA-05.jpg&quot;,&quot;title&quot;:&quot;Fa\\u00e7ana i conjunt de tancaments interiors i exteriors\\u00a0de la nova seu corporativa del grup editorial&quot;},{&quot;src&quot;:&quot;https:\\\/\\\/www.garciafaura.com\\\/wp-content\\\/uploads\\\/2018\\\/11\\\/Seu-RBA-03.jpg&quot;,&quot;title&quot;:&quot;Fa\\u00e7ana i conjunt de tancaments interiors i exteriors\\u00a0de la nova seu corporativa del grup editorial&quot;},{&quot;src&quot;:&quot;https:\\\/\\\/www.garciafaura.com\\\/wp-content\\\/uploads\\\/2018\\\/11\\\/Seu-RBA-01.jpg&quot;,&quot;title&quot;:&quot;Fa\\u00e7ana i conjunt de tancaments interiors i exteriors\\u00a0de la nova seu corporativa del grup editorial&quot;}]\"><img decoding=\"async\" data-no-lazy=\"1\" class=\"portfolio-entry-img skip-lazy\" src=\"https:\/\/www.garciafaura.com\/wp-content\/uploads\/2018\/11\/Seu-RBA-04-x.jpg\" alt=\"Fa\u00e7ade Et Ensemble De Fermetures Int\u00e9rieures Et Ext\u00e9rieures Pour Le Nouveau Si\u00e8ge Social Du Groupe \u00e9ditorial\" data-no-retina \/><\/a><\/div><div class=\"portfolio-entry-details entry-details wpex-clr\"><h2 class=\"portfolio-entry-title entry-title\"><a href=\"https:\/\/www.garciafaura.com\/fr\/portfolio-item\/siege-rba-editores\/\" title=\"Si\u00e8ge RBA Editores\">Si\u00e8ge RBA Editores<\/a><\/h2><div class=\"portfolio-entry-categories entry-categories wpex-clr\"><a href=\"https:\/\/www.garciafaura.com\/fr\/portfolio-category\/batiments-corporatifs\/\" class=\"term-69\">B\u00e2timents Corporatifs<\/a><\/div><\/div><\/div><\/div><div class=\"portfolio-entry vcex-grid-item entry-has-details span_1_of_3 col col-2 vcex-isotope-entry vcex-no-margin-entry post-20352 entry type-portfolio has-media cat-69 cat-93 translation_priority-5\"><div class=\"portfolio-entry-inner entry-inner wpex-clr\"><div class=\"portfolio-entry-media entry-media wpex-clr\"><a href=\"https:\/\/www.garciafaura.com\/wp-content\/uploads\/2018\/11\/Torre-Inbisa-22@-000.jpg\" title=\"Tour Inbisa 22@\" class=\"portfolio-entry-media-link wpex-lightbox-gallery\" data-gallery=\"[{&quot;src&quot;:&quot;https:\\\/\\\/www.garciafaura.com\\\/wp-content\\\/uploads\\\/2018\\\/11\\\/Torre-Inbisa-22@-000.jpg&quot;},{&quot;src&quot;:&quot;https:\\\/\\\/www.garciafaura.com\\\/wp-content\\\/uploads\\\/2018\\\/11\\\/Torre-Inbisa-22@-00.jpg&quot;},{&quot;src&quot;:&quot;https:\\\/\\\/www.garciafaura.com\\\/wp-content\\\/uploads\\\/2018\\\/11\\\/Torre-Inbisa-22@-01.jpg&quot;,&quot;title&quot;:&quot;Fa\\u00e7anes envidriades de perfileria oculta amb control solar integrat en edifici de dos cossos&quot;},{&quot;src&quot;:&quot;https:\\\/\\\/www.garciafaura.com\\\/wp-content\\\/uploads\\\/2018\\\/11\\\/Torre-Inbisa-22@-12.jpg&quot;,&quot;title&quot;:&quot;Fa\\u00e7anes envidriades de perfileria oculta amb control solar integrat en edifici de dos cossos&quot;},{&quot;src&quot;:&quot;https:\\\/\\\/www.garciafaura.com\\\/wp-content\\\/uploads\\\/2018\\\/11\\\/Torre-Inbisa-22@-11.jpg&quot;,&quot;title&quot;:&quot;Fa\\u00e7anes envidriades de perfileria oculta amb control solar integrat en edifici de dos cossos&quot;},{&quot;src&quot;:&quot;https:\\\/\\\/www.garciafaura.com\\\/wp-content\\\/uploads\\\/2018\\\/11\\\/Torre-Inbisa-22@-10.jpg&quot;,&quot;title&quot;:&quot;Fa\\u00e7anes envidriades de perfileria oculta amb control solar integrat en edifici de dos cossos&quot;},{&quot;src&quot;:&quot;https:\\\/\\\/www.garciafaura.com\\\/wp-content\\\/uploads\\\/2018\\\/11\\\/Torre-Inbisa-22@-09.jpg&quot;,&quot;title&quot;:&quot;Fa\\u00e7anes envidriades de perfileria oculta amb control solar integrat en edifici de dos cossos&quot;},{&quot;src&quot;:&quot;https:\\\/\\\/www.garciafaura.com\\\/wp-content\\\/uploads\\\/2018\\\/11\\\/Torre-Inbisa-22@-08.jpg&quot;,&quot;title&quot;:&quot;Fa\\u00e7anes envidriades de perfileria oculta amb control solar integrat en edifici de dos cossos&quot;},{&quot;src&quot;:&quot;https:\\\/\\\/www.garciafaura.com\\\/wp-content\\\/uploads\\\/2018\\\/11\\\/Torre-Inbisa-22@-07.jpg&quot;,&quot;title&quot;:&quot;Fa\\u00e7anes envidriades de perfileria oculta amb control solar integrat en edifici de dos cossos&quot;},{&quot;src&quot;:&quot;https:\\\/\\\/www.garciafaura.com\\\/wp-content\\\/uploads\\\/2018\\\/11\\\/Torre-Inbisa-22@-06.jpg&quot;,&quot;title&quot;:&quot;Fa\\u00e7anes envidriades de perfileria oculta amb control solar integrat en edifici de dos cossos&quot;},{&quot;src&quot;:&quot;https:\\\/\\\/www.garciafaura.com\\\/wp-content\\\/uploads\\\/2018\\\/11\\\/Torre-Inbisa-22@-05.jpg&quot;,&quot;title&quot;:&quot;Fa\\u00e7anes envidriades de perfileria oculta amb control solar integrat en edifici de dos cossos&quot;},{&quot;src&quot;:&quot;https:\\\/\\\/www.garciafaura.com\\\/wp-content\\\/uploads\\\/2018\\\/11\\\/Torre-Inbisa-22@-04.jpg&quot;,&quot;title&quot;:&quot;Fa\\u00e7anes envidriades de perfileria oculta amb control solar integrat en edifici de dos cossos&quot;},{&quot;src&quot;:&quot;https:\\\/\\\/www.garciafaura.com\\\/wp-content\\\/uploads\\\/2018\\\/11\\\/Torre-Inbisa-22@-03.jpg&quot;,&quot;title&quot;:&quot;Fa\\u00e7anes envidriades de perfileria oculta amb control solar integrat en edifici de dos cossos&quot;},{&quot;src&quot;:&quot;https:\\\/\\\/www.garciafaura.com\\\/wp-content\\\/uploads\\\/2018\\\/11\\\/Torre-Inbisa-22@-02.jpg&quot;,&quot;title&quot;:&quot;Fa\\u00e7anes envidriades de perfileria oculta amb control solar integrat en edifici de dos cossos&quot;}]\"><img loading=\"lazy\" decoding=\"async\" data-no-lazy=\"1\" class=\"portfolio-entry-img skip-lazy\" src=\"https:\/\/www.garciafaura.com\/wp-content\/uploads\/2018\/11\/Torre-Inbisa-22@-000-600x314.jpg\" alt='' data-no-retina width=\"600\" height=\"314\" \/><\/a><\/div><div class=\"portfolio-entry-details entry-details wpex-clr\"><h2 class=\"portfolio-entry-title entry-title\"><a href=\"https:\/\/www.garciafaura.com\/fr\/portfolio-item\/tour-inbisa-22\/\" title=\"Tour Inbisa 22@\">Tour Inbisa 22@<\/a><\/h2><div class=\"portfolio-entry-categories entry-categories wpex-clr\"><a href=\"https:\/\/www.garciafaura.com\/fr\/portfolio-category\/batiments-corporatifs\/\" class=\"term-69\">B\u00e2timents Corporatifs<\/a><\/div><\/div><\/div><\/div><div class=\"portfolio-entry vcex-grid-item entry-has-details span_1_of_3 col col-3 vcex-isotope-entry vcex-no-margin-entry post-20351 entry type-portfolio has-media cat-93 cat-94 translation_priority-5\"><div class=\"portfolio-entry-inner entry-inner wpex-clr\"><div class=\"portfolio-entry-media entry-media wpex-clr\"><a href=\"https:\/\/www.garciafaura.com\/wp-content\/uploads\/2018\/11\/Hotel-Ca\u0300nem-22@-05.jpg\" title=\"H\u00f4tel C\u00e0nem 22@\" class=\"portfolio-entry-media-link wpex-lightbox-gallery\" data-gallery=\"[{&quot;src&quot;:&quot;https:\\\/\\\/www.garciafaura.com\\\/wp-content\\\/uploads\\\/2018\\\/11\\\/Hotel-Ca\\u0300nem-22@-02.jpg&quot;,&quot;title&quot;:&quot;Mur cortina\\u00a0de l&#039;edifici hoteler de nova construcci\\u00f3 adjacent a l&#039;antiga f\\u00e0brica\\u00a0C\\u00e0nem&quot;},{&quot;src&quot;:&quot;https:\\\/\\\/www.garciafaura.com\\\/wp-content\\\/uploads\\\/2018\\\/11\\\/Hotel-Ca\\u0300nem-22@-05.jpg&quot;,&quot;title&quot;:&quot;Mur-rideau pour le b\\u00e2timent h\\u00f4telier de nouvelle construction adjacent \\u00e0 l&#039;ancienne usine C\\u00e0nem&quot;},{&quot;src&quot;:&quot;https:\\\/\\\/www.garciafaura.com\\\/wp-content\\\/uploads\\\/2018\\\/11\\\/Hotel-Ca\\u0300nem-22@-04.jpg&quot;,&quot;title&quot;:&quot;Mur cortina\\u00a0de l&#039;edifici hoteler de nova construcci\\u00f3 adjacent a l&#039;antiga f\\u00e0brica\\u00a0C\\u00e0nem&quot;},{&quot;src&quot;:&quot;https:\\\/\\\/www.garciafaura.com\\\/wp-content\\\/uploads\\\/2018\\\/11\\\/Hotel-Ca\\u0300nem-22@-03.jpg&quot;,&quot;title&quot;:&quot;Mur cortina\\u00a0de l&#039;edifici hoteler de nova construcci\\u00f3 adjacent a l&#039;antiga f\\u00e0brica\\u00a0C\\u00e0nem&quot;},{&quot;src&quot;:&quot;https:\\\/\\\/www.garciafaura.com\\\/wp-content\\\/uploads\\\/2018\\\/11\\\/Hotel-Ca\\u0300nem-22@-01.jpg&quot;,&quot;title&quot;:&quot;Mur cortina\\u00a0de l&#039;edifici hoteler de nova construcci\\u00f3 adjacent a l&#039;antiga f\\u00e0brica\\u00a0C\\u00e0nem&quot;}]\"><img decoding=\"async\" data-no-lazy=\"1\" class=\"portfolio-entry-img skip-lazy\" src=\"https:\/\/www.garciafaura.com\/wp-content\/uploads\/2018\/11\/Hotel-Ca\u0300nem-22@-05-x.jpg\" alt=\"Mur-rideau Pour Le B\u00e2timent H\u00f4telier De Nouvelle Construction Adjacent \u00e0 L'ancienne Usine C\u00e0nem\" data-no-retina \/><\/a><\/div><div class=\"portfolio-entry-details entry-details wpex-clr\"><h2 class=\"portfolio-entry-title entry-title\"><a href=\"https:\/\/www.garciafaura.com\/fr\/portfolio-item\/hotel-canem-22\/\" title=\"H\u00f4tel C\u00e0nem 22@\">H\u00f4tel C\u00e0nem 22@<\/a><\/h2><div class=\"portfolio-entry-categories entry-categories wpex-clr\"><a href=\"https:\/\/www.garciafaura.com\/fr\/portfolio-category\/facades-fr\/\" class=\"term-93\">Fa\u00e7ades<\/a><\/div><\/div><\/div><\/div><div class=\"portfolio-entry vcex-grid-item entry-has-details span_1_of_3 col col-1 vcex-isotope-entry vcex-no-margin-entry post-20345 entry type-portfolio has-media cat-69 cat-93 translation_priority-5\"><div class=\"portfolio-entry-inner entry-inner wpex-clr\"><div class=\"portfolio-entry-media entry-media wpex-clr\"><a href=\"https:\/\/www.garciafaura.com\/wp-content\/uploads\/2018\/11\/Oficines-Oryzon-Cornella\u0300-02.jpg\" title=\"Bureaux Oryzon\" class=\"portfolio-entry-media-link wpex-lightbox-gallery\" data-gallery=\"[{&quot;src&quot;:&quot;https:\\\/\\\/www.garciafaura.com\\\/wp-content\\\/uploads\\\/2018\\\/11\\\/Oficines-Oryzon-Cornella\\u0300-02.jpg&quot;,&quot;title&quot;:&quot;Mur-rideau incurv\\u00e9 pour Oryzon \\u00e0 Cornell\\u00e0 de Llobregat&quot;},{&quot;src&quot;:&quot;https:\\\/\\\/www.garciafaura.com\\\/wp-content\\\/uploads\\\/2018\\\/11\\\/Oficines-Oryzon-Cornella\\u0300-05.jpg&quot;,&quot;title&quot;:&quot;Mur cortina corvat i fa\\u00e7anes del nou edifici d&#039;Oryzon a Cornell\\u00e0 de Llobregat&quot;},{&quot;src&quot;:&quot;https:\\\/\\\/www.garciafaura.com\\\/wp-content\\\/uploads\\\/2018\\\/11\\\/Oficines-Oryzon-Cornella\\u0300-04.jpg&quot;,&quot;title&quot;:&quot;Mur cortina corvat i fa\\u00e7anes del nou edifici d&#039;Oryzon a Cornell\\u00e0 de Llobregat&quot;},{&quot;src&quot;:&quot;https:\\\/\\\/www.garciafaura.com\\\/wp-content\\\/uploads\\\/2018\\\/11\\\/Oficines-Oryzon-Cornella\\u0300-03.jpg&quot;,&quot;title&quot;:&quot;Mur cortina corvat i fa\\u00e7anes del nou edifici d&#039;Oryzon a Cornell\\u00e0 de Llobregat&quot;},{&quot;src&quot;:&quot;https:\\\/\\\/www.garciafaura.com\\\/wp-content\\\/uploads\\\/2018\\\/11\\\/Oficines-Oryzon-Cornella\\u0300-01.jpg&quot;,&quot;title&quot;:&quot;Mur cortina corvat i fa\\u00e7anes del nou edifici d&#039;Oryzon a Cornell\\u00e0 de Llobregat&quot;}]\"><img loading=\"lazy\" decoding=\"async\" data-no-lazy=\"1\" class=\"portfolio-entry-img skip-lazy\" src=\"https:\/\/www.garciafaura.com\/wp-content\/uploads\/2018\/11\/Oficines-Oryzon-Cornella\u0300-02-600x314.jpg\" alt=\"Mur-rideau Incurv\u00e9 Pour Oryzon \u00e0 Cornell\u00e0 De Llobregat\" data-no-retina width=\"600\" height=\"314\" \/><\/a><\/div><div class=\"portfolio-entry-details entry-details wpex-clr\"><h2 class=\"portfolio-entry-title entry-title\"><a href=\"https:\/\/www.garciafaura.com\/fr\/portfolio-item\/bureaux-oryzon\/\" title=\"Bureaux Oryzon\">Bureaux Oryzon<\/a><\/h2><div class=\"portfolio-entry-categories entry-categories wpex-clr\"><a href=\"https:\/\/www.garciafaura.com\/fr\/portfolio-category\/batiments-corporatifs\/\" class=\"term-69\">B\u00e2timents Corporatifs<\/a><\/div><\/div><\/div><\/div><div class=\"portfolio-entry vcex-grid-item entry-has-details span_1_of_3 col col-2 vcex-isotope-entry vcex-no-margin-entry post-20343 entry type-portfolio has-media cat-69 cat-93 translation_priority-5\"><div class=\"portfolio-entry-inner entry-inner wpex-clr\"><div class=\"portfolio-entry-media entry-media wpex-clr\"><a href=\"https:\/\/www.garciafaura.com\/wp-content\/uploads\/2018\/11\/Edifici-Industrial-Gava\u0300-01.jpg\" title=\"B\u00e2timent industriel\" class=\"portfolio-entry-media-link wpex-lightbox\"><img loading=\"lazy\" decoding=\"async\" data-no-lazy=\"1\" class=\"portfolio-entry-img skip-lazy\" src=\"https:\/\/www.garciafaura.com\/wp-content\/uploads\/2018\/11\/Edifici-Industrial-Gava\u0300-01-600x314.jpg\" alt=\"Mur-rideau Et Fermetures Ext\u00e9rieures Pour Cet Entrep\u00f4t De Gav\u00e0\" data-no-retina width=\"600\" height=\"314\" \/><\/a><\/div><div class=\"portfolio-entry-details entry-details wpex-clr\"><h2 class=\"portfolio-entry-title entry-title\"><a href=\"https:\/\/www.garciafaura.com\/fr\/portfolio-item\/batiment-industriel\/\" title=\"B\u00e2timent industriel\">B\u00e2timent industriel<\/a><\/h2><div class=\"portfolio-entry-categories entry-categories wpex-clr\"><a href=\"https:\/\/www.garciafaura.com\/fr\/portfolio-category\/batiments-corporatifs\/\" class=\"term-69\">B\u00e2timents Corporatifs<\/a><\/div><\/div><\/div><\/div><div class=\"portfolio-entry vcex-grid-item entry-has-details span_1_of_3 col col-3 vcex-isotope-entry vcex-no-margin-entry post-20342 entry type-portfolio has-media cat-69 cat-93 translation_priority-5\"><div class=\"portfolio-entry-inner entry-inner wpex-clr\"><div class=\"portfolio-entry-media entry-media wpex-clr\"><a href=\"https:\/\/www.garciafaura.com\/wp-content\/uploads\/2018\/11\/Edifici-Cobra-Cornella\u0300-03.jpg\" title=\"Immeuble Cobra\" class=\"portfolio-entry-media-link wpex-lightbox-gallery\" data-gallery=\"[{&quot;src&quot;:&quot;https:\\\/\\\/www.garciafaura.com\\\/wp-content\\\/uploads\\\/2018\\\/11\\\/Edifici-Cobra-Cornella\\u0300-01.jpg&quot;,&quot;title&quot;:&quot;Instal\\u00b7laci\\u00f3 de mur cortina i tancaments d&#039;alumini en conjunt d&#039;oficines&quot;},{&quot;src&quot;:&quot;https:\\\/\\\/www.garciafaura.com\\\/wp-content\\\/uploads\\\/2018\\\/11\\\/Edifici-Cobra-Cornella\\u0300-05.jpg&quot;,&quot;title&quot;:&quot;Instal\\u00b7laci\\u00f3 de mur cortina i tancaments d&#039;alumini en conjunt d&#039;oficines&quot;},{&quot;src&quot;:&quot;https:\\\/\\\/www.garciafaura.com\\\/wp-content\\\/uploads\\\/2018\\\/11\\\/Edifici-Cobra-Cornella\\u0300-04.jpg&quot;,&quot;title&quot;:&quot;Instal\\u00b7laci\\u00f3 de mur cortina i tancaments d&#039;alumini en conjunt d&#039;oficines&quot;},{&quot;src&quot;:&quot;https:\\\/\\\/www.garciafaura.com\\\/wp-content\\\/uploads\\\/2018\\\/11\\\/Edifici-Cobra-Cornella\\u0300-03.jpg&quot;,&quot;title&quot;:&quot;Installation de mur-rideau et de fermetures en aluminium dans ensemble de bureaux&quot;},{&quot;src&quot;:&quot;https:\\\/\\\/www.garciafaura.com\\\/wp-content\\\/uploads\\\/2018\\\/11\\\/Edifici-Cobra-Cornella\\u0300-02.jpg&quot;,&quot;title&quot;:&quot;Instal\\u00b7laci\\u00f3 de mur cortina i tancaments d&#039;alumini en conjunt d&#039;oficines&quot;}]\"><img loading=\"lazy\" decoding=\"async\" data-no-lazy=\"1\" class=\"portfolio-entry-img skip-lazy\" src=\"https:\/\/www.garciafaura.com\/wp-content\/uploads\/2018\/11\/Edifici-Cobra-Cornella\u0300-03-600x314.jpg\" alt=\"Installation De Mur-rideau Et De Fermetures En Aluminium Dans Ensemble De Bureaux\" data-no-retina width=\"600\" height=\"314\" \/><\/a><\/div><div class=\"portfolio-entry-details entry-details wpex-clr\"><h2 class=\"portfolio-entry-title entry-title\"><a href=\"https:\/\/www.garciafaura.com\/fr\/portfolio-item\/immeuble-cobra\/\" title=\"Immeuble Cobra\">Immeuble Cobra<\/a><\/h2><div class=\"portfolio-entry-categories entry-categories wpex-clr\"><a href=\"https:\/\/www.garciafaura.com\/fr\/portfolio-category\/batiments-corporatifs\/\" class=\"term-69\">B\u00e2timents Corporatifs<\/a><\/div><\/div><\/div><\/div><div class=\"portfolio-entry vcex-grid-item entry-has-details span_1_of_3 col col-1 vcex-isotope-entry vcex-no-margin-entry post-20341 entry type-portfolio has-media cat-75 cat-93 translation_priority-5\"><div class=\"portfolio-entry-inner entry-inner wpex-clr\"><div class=\"portfolio-entry-media entry-media wpex-clr\"><a href=\"https:\/\/www.garciafaura.com\/wp-content\/uploads\/2018\/11\/Ampliacio\u0301-Fira-Barcelona-01.jpg\" title=\"Agrandissement Foire de Barcelone\" class=\"portfolio-entry-media-link wpex-lightbox\"><img decoding=\"async\" data-no-lazy=\"1\" class=\"portfolio-entry-img skip-lazy\" src=\"https:\/\/www.garciafaura.com\/wp-content\/uploads\/2018\/11\/Ampliacio\u0301-Fira-Barcelona-01-x.jpg\" alt=\"Fa\u00e7ade Organique De Mur-rideau Qui Traite Individuellement Chaque Fermeture\" data-no-retina \/><\/a><\/div><div class=\"portfolio-entry-details entry-details wpex-clr\"><h2 class=\"portfolio-entry-title entry-title\"><a href=\"https:\/\/www.garciafaura.com\/fr\/portfolio-item\/agrandissement-foire-de-barcelone\/\" title=\"Agrandissement Foire de Barcelone\">Agrandissement Foire de Barcelone<\/a><\/h2><div class=\"portfolio-entry-categories entry-categories wpex-clr\"><a href=\"https:\/\/www.garciafaura.com\/fr\/portfolio-category\/batiments-de-services\/\" class=\"term-75\">B\u00e2timents de Services<\/a><\/div><\/div><\/div><\/div><div class=\"portfolio-entry vcex-grid-item entry-has-details span_1_of_3 col col-2 vcex-isotope-entry vcex-no-margin-entry post-20330 entry type-portfolio has-media cat-75 cat-93 translation_priority-5\"><div class=\"portfolio-entry-inner entry-inner wpex-clr\"><div class=\"portfolio-entry-media entry-media wpex-clr\"><a href=\"https:\/\/www.garciafaura.com\/wp-content\/uploads\/2018\/11\/Biblioteca-Blanquerna-11.jpg\" title=\"Biblioth\u00e8que Blanquerna\" class=\"portfolio-entry-media-link wpex-lightbox-gallery\" data-gallery=\"[{&quot;src&quot;:&quot;https:\\\/\\\/www.garciafaura.com\\\/wp-content\\\/uploads\\\/2018\\\/11\\\/Biblioteca-Blanquerna-11.jpg&quot;,&quot;title&quot;:&quot;Mur-rideau et acc\\u00e8s pour la nouvelle Biblioth\\u00e8que de Communication de l&#039;URL&quot;},{&quot;src&quot;:&quot;https:\\\/\\\/www.garciafaura.com\\\/wp-content\\\/uploads\\\/2018\\\/11\\\/Biblioteca-Blanquerna-10.jpg&quot;,&quot;title&quot;:&quot;Mur cortina i accessos de la nova Biblioteca de Comunicaci\\u00f3 de la URL&quot;},{&quot;src&quot;:&quot;https:\\\/\\\/www.garciafaura.com\\\/wp-content\\\/uploads\\\/2018\\\/11\\\/Biblioteca-Blanquerna-09.jpg&quot;,&quot;title&quot;:&quot;Mur cortina i accessos de la nova Biblioteca de Comunicaci\\u00f3 de la URL&quot;},{&quot;src&quot;:&quot;https:\\\/\\\/www.garciafaura.com\\\/wp-content\\\/uploads\\\/2018\\\/11\\\/Biblioteca-Blanquerna-07.jpg&quot;,&quot;title&quot;:&quot;Mur cortina i accessos de la nova Biblioteca de Comunicaci\\u00f3 de la URL&quot;},{&quot;src&quot;:&quot;https:\\\/\\\/www.garciafaura.com\\\/wp-content\\\/uploads\\\/2018\\\/11\\\/Biblioteca-Blanquerna-08.jpg&quot;,&quot;title&quot;:&quot;Mur cortina i accessos de la nova Biblioteca de Comunicaci\\u00f3 de la URL&quot;},{&quot;src&quot;:&quot;https:\\\/\\\/www.garciafaura.com\\\/wp-content\\\/uploads\\\/2018\\\/11\\\/Biblioteca-Blanquerna-06.jpg&quot;,&quot;title&quot;:&quot;Mur cortina i accessos de la nova Biblioteca de Comunicaci\\u00f3 de la URL&quot;},{&quot;src&quot;:&quot;https:\\\/\\\/www.garciafaura.com\\\/wp-content\\\/uploads\\\/2018\\\/11\\\/Biblioteca-Blanquerna-05.jpg&quot;,&quot;title&quot;:&quot;Mur cortina i accessos de la nova Biblioteca de Comunicaci\\u00f3 de la URL&quot;},{&quot;src&quot;:&quot;https:\\\/\\\/www.garciafaura.com\\\/wp-content\\\/uploads\\\/2018\\\/11\\\/Biblioteca-Blanquerna-04.jpg&quot;,&quot;title&quot;:&quot;Mur cortina i accessos de la nova Biblioteca de Comunicaci\\u00f3 de la URL&quot;},{&quot;src&quot;:&quot;https:\\\/\\\/www.garciafaura.com\\\/wp-content\\\/uploads\\\/2018\\\/11\\\/Biblioteca-Blanquerna-03.jpg&quot;,&quot;title&quot;:&quot;Mur cortina i accessos de la nova Biblioteca de Comunicaci\\u00f3 de la URL&quot;},{&quot;src&quot;:&quot;https:\\\/\\\/www.garciafaura.com\\\/wp-content\\\/uploads\\\/2018\\\/11\\\/Biblioteca-Blanquerna-02.jpg&quot;,&quot;title&quot;:&quot;Mur cortina i accessos de la nova Biblioteca de Comunicaci\\u00f3 de la URL&quot;},{&quot;src&quot;:&quot;https:\\\/\\\/www.garciafaura.com\\\/wp-content\\\/uploads\\\/2018\\\/11\\\/Biblioteca-Blanquerna-01.jpg&quot;,&quot;title&quot;:&quot;Mur cortina i accessos de la nova Biblioteca de Comunicaci\\u00f3 de la URL&quot;}]\"><img decoding=\"async\" data-no-lazy=\"1\" class=\"portfolio-entry-img skip-lazy\" src=\"https:\/\/www.garciafaura.com\/wp-content\/uploads\/2018\/11\/Biblioteca-Blanquerna-11-x.jpg\" alt=\"Mur-rideau Et Acc\u00e8s Pour La Nouvelle Biblioth\u00e8que De Communication De L'URL\" data-no-retina \/><\/a><\/div><div class=\"portfolio-entry-details entry-details wpex-clr\"><h2 class=\"portfolio-entry-title entry-title\"><a href=\"https:\/\/www.garciafaura.com\/fr\/portfolio-item\/bibliotheque-blanquerna\/\" title=\"Biblioth\u00e8que Blanquerna\">Biblioth\u00e8que Blanquerna<\/a><\/h2><div class=\"portfolio-entry-categories entry-categories wpex-clr\"><a href=\"https:\/\/www.garciafaura.com\/fr\/portfolio-category\/batiments-de-services\/\" class=\"term-75\">B\u00e2timents de Services<\/a><\/div><\/div><\/div><\/div><\/div><\/div>[\/vc_column][\/vc_row]\n<\/div>","protected":false},"excerpt":{"rendered":"<p>[vc_row full_width=\u00a0\u00bbstretch_row\u00a0\u00bb wpex_bg_overlay=\u00a0\u00bbcolor\u00a0\u00bb wpex_bg_overlay_color=\u00a0\u00bb#d9d9d9&Prime; wpex_bg_overlay_opacity=\u00a0\u00bb0.85&Prime;][vc_column][vc_column_text] GARCIA FAURA est l&rsquo;entreprise de r\u00e9f\u00e9rence dans le d\u00e9veloppement de fa\u00e7ades. Syst\u00e8mes modulaires, murs-rideaux et rev\u00eatements m\u00e9talliques au service de l&rsquo;esth\u00e9tique ext\u00e9rieure de tout type de construction. Hautes performances techniques, exploitation de la lumi\u00e8re naturelle,&hellip;<\/p>\n","protected":false},"author":3,"featured_media":0,"parent":0,"menu_order":0,"comment_status":"closed","ping_status":"closed","template":"","meta":{"footnotes":""},"class_list":["post-20040","page","type-page","status-publish","hentry","entry","no-media"],"yoast_head":"<!-- This site is optimized with the Yoast SEO plugin v26.7 - https:\/\/yoast.com\/wordpress\/plugins\/seo\/ -->\n<title>Fa\u00e7ades r\u00e9alis\u00e9es par GARCIA FAURA - GARCIA FAURA<\/title>\n<meta name=\"description\" content=\"Arquitectura en Alumini, Inox, Ferro i Vidre\" \/>\n<meta name=\"robots\" content=\"index, follow, max-snippet:-1, max-image-preview:large, max-video-preview:-1\" \/>\n<link rel=\"canonical\" href=\"https:\/\/www.garciafaura.com\/fr\/facades-realisees-par-garcia-faura\/\" \/>\n<meta property=\"og:locale\" content=\"fr_FR\" \/>\n<meta property=\"og:type\" content=\"article\" \/>\n<meta property=\"og:title\" content=\"Fa\u00e7ades r\u00e9alis\u00e9es par GARCIA FAURA - GARCIA FAURA\" \/>\n<meta property=\"og:description\" content=\"Arquitectura en Alumini, Inox, Ferro i Vidre\" \/>\n<meta property=\"og:url\" content=\"https:\/\/www.garciafaura.com\/fr\/facades-realisees-par-garcia-faura\/\" \/>\n<meta property=\"og:site_name\" content=\"GARCIA FAURA\" \/>\n<meta property=\"article:modified_time\" content=\"2021-08-02T10:25:56+00:00\" \/>\n<meta name=\"twitter:card\" content=\"summary_large_image\" \/>\n<meta name=\"twitter:label1\" content=\"Dur\u00e9e de lecture estim\u00e9e\" \/>\n\t<meta name=\"twitter:data1\" content=\"1 minute\" \/>\n<script type=\"application\/ld+json\" class=\"yoast-schema-graph\">{\"@context\":\"https:\/\/schema.org\",\"@graph\":[{\"@type\":\"WebPage\",\"@id\":\"https:\/\/www.garciafaura.com\/fr\/facades-realisees-par-garcia-faura\/\",\"url\":\"https:\/\/www.garciafaura.com\/fr\/facades-realisees-par-garcia-faura\/\",\"name\":\"Fa\u00e7ades r\u00e9alis\u00e9es par GARCIA FAURA - GARCIA FAURA\",\"isPartOf\":{\"@id\":\"https:\/\/www.garciafaura.com\/fr\/#website\"},\"datePublished\":\"2019-05-24T11:09:11+00:00\",\"dateModified\":\"2021-08-02T10:25:56+00:00\",\"description\":\"Arquitectura en Alumini, Inox, Ferro i Vidre\",\"breadcrumb\":{\"@id\":\"https:\/\/www.garciafaura.com\/fr\/facades-realisees-par-garcia-faura\/#breadcrumb\"},\"inLanguage\":\"fr-FR\",\"potentialAction\":[{\"@type\":\"ReadAction\",\"target\":[\"https:\/\/www.garciafaura.com\/fr\/facades-realisees-par-garcia-faura\/\"]}]},{\"@type\":\"BreadcrumbList\",\"@id\":\"https:\/\/www.garciafaura.com\/fr\/facades-realisees-par-garcia-faura\/#breadcrumb\",\"itemListElement\":[{\"@type\":\"ListItem\",\"position\":1,\"name\":\"Inici\",\"item\":\"https:\/\/www.garciafaura.com\/fr\/\"},{\"@type\":\"ListItem\",\"position\":2,\"name\":\"Fa\u00e7ades r\u00e9alis\u00e9es par GARCIA FAURA\"}]},{\"@type\":\"WebSite\",\"@id\":\"https:\/\/www.garciafaura.com\/fr\/#website\",\"url\":\"https:\/\/www.garciafaura.com\/fr\/\",\"name\":\"GARCIA FAURA\",\"description\":\"Arquitectura en Alumini, Inox, Ferro i Vidre\",\"publisher\":{\"@id\":\"https:\/\/www.garciafaura.com\/fr\/#organization\"},\"potentialAction\":[{\"@type\":\"SearchAction\",\"target\":{\"@type\":\"EntryPoint\",\"urlTemplate\":\"https:\/\/www.garciafaura.com\/fr\/?s={search_term_string}\"},\"query-input\":{\"@type\":\"PropertyValueSpecification\",\"valueRequired\":true,\"valueName\":\"search_term_string\"}}],\"inLanguage\":\"fr-FR\"},{\"@type\":\"Organization\",\"@id\":\"https:\/\/www.garciafaura.com\/fr\/#organization\",\"name\":\"GARCIA FAURA\",\"url\":\"https:\/\/www.garciafaura.com\/fr\/\",\"logo\":{\"@type\":\"ImageObject\",\"inLanguage\":\"fr-FR\",\"@id\":\"https:\/\/www.garciafaura.com\/fr\/#\/schema\/logo\/image\/\",\"url\":\"https:\/\/www.garciafaura.com\/wp-content\/uploads\/2018\/09\/Garcia-Faura.png\",\"contentUrl\":\"https:\/\/www.garciafaura.com\/wp-content\/uploads\/2018\/09\/Garcia-Faura.png\",\"width\":512,\"height\":512,\"caption\":\"GARCIA FAURA\"},\"image\":{\"@id\":\"https:\/\/www.garciafaura.com\/fr\/#\/schema\/logo\/image\/\"},\"sameAs\":[\"https:\/\/www.youtube.com\/user\/GARCIAFAURA\"]}]}<\/script>\n<!-- \/ Yoast SEO plugin. -->","yoast_head_json":{"title":"Fa\u00e7ades r\u00e9alis\u00e9es par GARCIA FAURA - GARCIA FAURA","description":"Arquitectura en Alumini, Inox, Ferro i Vidre","robots":{"index":"index","follow":"follow","max-snippet":"max-snippet:-1","max-image-preview":"max-image-preview:large","max-video-preview":"max-video-preview:-1"},"canonical":"https:\/\/www.garciafaura.com\/fr\/facades-realisees-par-garcia-faura\/","og_locale":"fr_FR","og_type":"article","og_title":"Fa\u00e7ades r\u00e9alis\u00e9es par GARCIA FAURA - GARCIA FAURA","og_description":"Arquitectura en Alumini, Inox, Ferro i Vidre","og_url":"https:\/\/www.garciafaura.com\/fr\/facades-realisees-par-garcia-faura\/","og_site_name":"GARCIA FAURA","article_modified_time":"2021-08-02T10:25:56+00:00","twitter_card":"summary_large_image","twitter_misc":{"Dur\u00e9e de lecture estim\u00e9e":"1 minute"},"schema":{"@context":"https:\/\/schema.org","@graph":[{"@type":"WebPage","@id":"https:\/\/www.garciafaura.com\/fr\/facades-realisees-par-garcia-faura\/","url":"https:\/\/www.garciafaura.com\/fr\/facades-realisees-par-garcia-faura\/","name":"Fa\u00e7ades r\u00e9alis\u00e9es par GARCIA FAURA - GARCIA FAURA","isPartOf":{"@id":"https:\/\/www.garciafaura.com\/fr\/#website"},"datePublished":"2019-05-24T11:09:11+00:00","dateModified":"2021-08-02T10:25:56+00:00","description":"Arquitectura en Alumini, Inox, Ferro i Vidre","breadcrumb":{"@id":"https:\/\/www.garciafaura.com\/fr\/facades-realisees-par-garcia-faura\/#breadcrumb"},"inLanguage":"fr-FR","potentialAction":[{"@type":"ReadAction","target":["https:\/\/www.garciafaura.com\/fr\/facades-realisees-par-garcia-faura\/"]}]},{"@type":"BreadcrumbList","@id":"https:\/\/www.garciafaura.com\/fr\/facades-realisees-par-garcia-faura\/#breadcrumb","itemListElement":[{"@type":"ListItem","position":1,"name":"Inici","item":"https:\/\/www.garciafaura.com\/fr\/"},{"@type":"ListItem","position":2,"name":"Fa\u00e7ades r\u00e9alis\u00e9es par GARCIA FAURA"}]},{"@type":"WebSite","@id":"https:\/\/www.garciafaura.com\/fr\/#website","url":"https:\/\/www.garciafaura.com\/fr\/","name":"GARCIA FAURA","description":"Arquitectura en Alumini, Inox, Ferro i Vidre","publisher":{"@id":"https:\/\/www.garciafaura.com\/fr\/#organization"},"potentialAction":[{"@type":"SearchAction","target":{"@type":"EntryPoint","urlTemplate":"https:\/\/www.garciafaura.com\/fr\/?s={search_term_string}"},"query-input":{"@type":"PropertyValueSpecification","valueRequired":true,"valueName":"search_term_string"}}],"inLanguage":"fr-FR"},{"@type":"Organization","@id":"https:\/\/www.garciafaura.com\/fr\/#organization","name":"GARCIA FAURA","url":"https:\/\/www.garciafaura.com\/fr\/","logo":{"@type":"ImageObject","inLanguage":"fr-FR","@id":"https:\/\/www.garciafaura.com\/fr\/#\/schema\/logo\/image\/","url":"https:\/\/www.garciafaura.com\/wp-content\/uploads\/2018\/09\/Garcia-Faura.png","contentUrl":"https:\/\/www.garciafaura.com\/wp-content\/uploads\/2018\/09\/Garcia-Faura.png","width":512,"height":512,"caption":"GARCIA FAURA"},"image":{"@id":"https:\/\/www.garciafaura.com\/fr\/#\/schema\/logo\/image\/"},"sameAs":["https:\/\/www.youtube.com\/user\/GARCIAFAURA"]}]}},"_links":{"self":[{"href":"https:\/\/www.garciafaura.com\/fr\/wp-json\/wp\/v2\/pages\/20040","targetHints":{"allow":["GET"]}}],"collection":[{"href":"https:\/\/www.garciafaura.com\/fr\/wp-json\/wp\/v2\/pages"}],"about":[{"href":"https:\/\/www.garciafaura.com\/fr\/wp-json\/wp\/v2\/types\/page"}],"author":[{"embeddable":true,"href":"https:\/\/www.garciafaura.com\/fr\/wp-json\/wp\/v2\/users\/3"}],"replies":[{"embeddable":true,"href":"https:\/\/www.garciafaura.com\/fr\/wp-json\/wp\/v2\/comments?post=20040"}],"version-history":[{"count":5,"href":"https:\/\/www.garciafaura.com\/fr\/wp-json\/wp\/v2\/pages\/20040\/revisions"}],"predecessor-version":[{"id":27885,"href":"https:\/\/www.garciafaura.com\/fr\/wp-json\/wp\/v2\/pages\/20040\/revisions\/27885"}],"wp:attachment":[{"href":"https:\/\/www.garciafaura.com\/fr\/wp-json\/wp\/v2\/media?parent=20040"}],"curies":[{"name":"wp","href":"https:\/\/api.w.org\/{rel}","templated":true}]}}