{"id":20034,"date":"2019-05-24T11:08:28","date_gmt":"2019-05-24T11:08:28","guid":{"rendered":"https:\/\/www.garciafaura.com\/reamenagements-realises-par-garcia-faura\/"},"modified":"2021-08-02T12:26:29","modified_gmt":"2021-08-02T10:26:29","slug":"reamenagements-realises-par-garcia-faura","status":"publish","type":"page","link":"https:\/\/www.garciafaura.com\/fr\/reamenagements-realises-par-garcia-faura\/","title":{"rendered":"R\u00e9am\u00e9nagements r\u00e9alis\u00e9s par GARCIA FAURA"},"content":{"rendered":"<div class=\"wpb-content-wrapper\">[vc_row full_width=\u00a0\u00bbstretch_row\u00a0\u00bb wpex_bg_overlay=\u00a0\u00bbcolor\u00a0\u00bb wpex_bg_overlay_color=\u00a0\u00bb#d9d9d9&Prime; wpex_bg_overlay_opacity=\u00a0\u00bb0.85&Prime;][vc_column]<div class=\"vcex-spacing\" style=\"height:30px\"><\/div>[vc_column_text]\n<div class=\"\"><span style=\"font-family: 'Open Sans'; font-size: 18px;\">La r\u00e9habilitation de b\u00e2timents est l&rsquo;une des cl\u00e9s de l&rsquo;avenir du secteur de la construction. <strong>GARCIA FAURA<\/strong> est une experte dans la r\u00e9habilitation de b\u00e2timents historiques, mais \u00e9galement dans la r\u00e9novation de b\u00e2timents peu durables, \u00e9tant donn\u00e9 que l&rsquo;intervention au niveau des fermetures et des fa\u00e7ades contribue \u00e0 am\u00e9liorer l&rsquo;efficacit\u00e9 et la durabilit\u00e9 de n&rsquo;importe quel b\u00e2timent.<\/span><\/div>\n[\/vc_column_text][\/vc_column][\/vc_row][vc_row][vc_column width=\u00a0\u00bb1\/2&Prime;][\/vc_column][vc_column width=\u00a0\u00bb1\/2&Prime;]<div class=\"vcex-spacing\" style=\"height:30px\"><\/div><div class=\"vcex-module vcex-searchbar clr\"><form method=\"get\" class=\"vcex-searchbar-form\" action=\"https:\/\/www.garciafaura.com\/fr\/\"><input type=\"search\" class=\"vcex-searchbar-input \" name=\"s\" placeholder=\"Recherche\" \/><input type=\"hidden\" name=\"post_type\" value=\"portfolio\"><input type=\"hidden\" name=\"lang\" value=\"fr\"><button class=\"vcex-searchbar-button\" style=\"background:#d7515e;font-weight:200;\">Recherche de projets<\/button><\/form><\/div>[\/vc_column][\/vc_row][vc_row full_width=\u00a0\u00bbstretch_row\u00a0\u00bb][vc_column]<div class=\"vcex-module vcex-portfolio-grid-wrap wpex-clr\"><div class=\"wpex-row vcex-portfolio-grid wpex-clr entries vcex-isotope-grid vcex-no-margin-grid\" data-show_title=\"false\"><div class=\"portfolio-entry vcex-grid-item entry-has-details span_1_of_3 col col-1 vcex-isotope-entry vcex-no-margin-entry post-41123 entry type-portfolio has-media cat-75 cat-90 translation_priority-5\"><div class=\"portfolio-entry-inner entry-inner wpex-clr\"><div class=\"portfolio-entry-media entry-media wpex-clr\"><a href=\"https:\/\/www.garciafaura.com\/wp-content\/uploads\/2025\/09\/Oficines-SAIER-Barcelona-11.jpg\" title=\"R\u00e9novation bureaux SAIER Barcelone\" class=\"portfolio-entry-media-link wpex-lightbox-gallery\" data-gallery=\"[{&quot;src&quot;:&quot;https:\\\/\\\/www.garciafaura.com\\\/wp-content\\\/uploads\\\/2025\\\/09\\\/Oficines-SAIER-Barcelona-11.jpg&quot;},{&quot;src&quot;:&quot;https:\\\/\\\/www.garciafaura.com\\\/wp-content\\\/uploads\\\/2025\\\/09\\\/Oficines-SAIER-Barcelona-01.jpg&quot;},{&quot;src&quot;:&quot;https:\\\/\\\/www.garciafaura.com\\\/wp-content\\\/uploads\\\/2025\\\/09\\\/Oficines-SAIER-Barcelona-02.jpg&quot;},{&quot;src&quot;:&quot;https:\\\/\\\/www.garciafaura.com\\\/wp-content\\\/uploads\\\/2025\\\/09\\\/Oficines-SAIER-Barcelona-03.jpg&quot;},{&quot;src&quot;:&quot;https:\\\/\\\/www.garciafaura.com\\\/wp-content\\\/uploads\\\/2025\\\/09\\\/Oficines-SAIER-Barcelona-04.jpg&quot;},{&quot;src&quot;:&quot;https:\\\/\\\/www.garciafaura.com\\\/wp-content\\\/uploads\\\/2025\\\/09\\\/Oficines-SAIER-Barcelona-05.jpg&quot;},{&quot;src&quot;:&quot;https:\\\/\\\/www.garciafaura.com\\\/wp-content\\\/uploads\\\/2025\\\/09\\\/Oficines-SAIER-Barcelona-06.jpg&quot;},{&quot;src&quot;:&quot;https:\\\/\\\/www.garciafaura.com\\\/wp-content\\\/uploads\\\/2025\\\/09\\\/Oficines-SAIER-Barcelona-07.jpg&quot;},{&quot;src&quot;:&quot;https:\\\/\\\/www.garciafaura.com\\\/wp-content\\\/uploads\\\/2025\\\/09\\\/Oficines-SAIER-Barcelona-08.jpg&quot;},{&quot;src&quot;:&quot;https:\\\/\\\/www.garciafaura.com\\\/wp-content\\\/uploads\\\/2025\\\/09\\\/Oficines-SAIER-Barcelona-09.jpg&quot;},{&quot;src&quot;:&quot;https:\\\/\\\/www.garciafaura.com\\\/wp-content\\\/uploads\\\/2025\\\/09\\\/Oficines-SAIER-Barcelona-10.jpg&quot;},{&quot;src&quot;:&quot;https:\\\/\\\/www.garciafaura.com\\\/wp-content\\\/uploads\\\/2025\\\/09\\\/Oficines-SAIER-Barcelona-12.jpg&quot;},{&quot;src&quot;:&quot;https:\\\/\\\/www.garciafaura.com\\\/wp-content\\\/uploads\\\/2025\\\/09\\\/Oficines-SAIER-Barcelona-13.jpg&quot;},{&quot;src&quot;:&quot;https:\\\/\\\/www.garciafaura.com\\\/wp-content\\\/uploads\\\/2025\\\/09\\\/Oficines-SAIER-Barcelona-14.jpg&quot;},{&quot;src&quot;:&quot;https:\\\/\\\/www.garciafaura.com\\\/wp-content\\\/uploads\\\/2025\\\/09\\\/Oficines-SAIER-Barcelona-15.jpg&quot;},{&quot;src&quot;:&quot;https:\\\/\\\/www.garciafaura.com\\\/wp-content\\\/uploads\\\/2025\\\/09\\\/Oficines-SAIER-Barcelona-16.jpg&quot;},{&quot;src&quot;:&quot;https:\\\/\\\/www.garciafaura.com\\\/wp-content\\\/uploads\\\/2025\\\/09\\\/Oficines-SAIER-Barcelona-17.jpg&quot;},{&quot;src&quot;:&quot;https:\\\/\\\/www.garciafaura.com\\\/wp-content\\\/uploads\\\/2025\\\/09\\\/Oficines-SAIER-Barcelona-18.jpg&quot;},{&quot;src&quot;:&quot;https:\\\/\\\/www.garciafaura.com\\\/wp-content\\\/uploads\\\/2025\\\/09\\\/Oficines-SAIER-Barcelona-19.jpg&quot;},{&quot;src&quot;:&quot;https:\\\/\\\/www.garciafaura.com\\\/wp-content\\\/uploads\\\/2025\\\/09\\\/Oficines-SAIER-Barcelona-20.jpg&quot;},{&quot;src&quot;:&quot;https:\\\/\\\/www.garciafaura.com\\\/wp-content\\\/uploads\\\/2025\\\/09\\\/Oficines-SAIER-Barcelona-21.jpg&quot;},{&quot;src&quot;:&quot;https:\\\/\\\/www.garciafaura.com\\\/wp-content\\\/uploads\\\/2025\\\/09\\\/Oficines-SAIER-Barcelona-22.jpg&quot;},{&quot;src&quot;:&quot;https:\\\/\\\/www.garciafaura.com\\\/wp-content\\\/uploads\\\/2025\\\/09\\\/Oficines-SAIER-Barcelona-23.jpg&quot;},{&quot;src&quot;:&quot;https:\\\/\\\/www.garciafaura.com\\\/wp-content\\\/uploads\\\/2025\\\/09\\\/Oficines-SAIER-Barcelona-24.jpg&quot;},{&quot;src&quot;:&quot;https:\\\/\\\/www.garciafaura.com\\\/wp-content\\\/uploads\\\/2025\\\/09\\\/Oficines-SAIER-Barcelona-25.jpg&quot;},{&quot;src&quot;:&quot;https:\\\/\\\/www.garciafaura.com\\\/wp-content\\\/uploads\\\/2025\\\/09\\\/Oficines-SAIER-Barcelona-26.jpg&quot;},{&quot;src&quot;:&quot;https:\\\/\\\/www.garciafaura.com\\\/wp-content\\\/uploads\\\/2025\\\/09\\\/Oficines-SAIER-Barcelona-27.jpg&quot;},{&quot;src&quot;:&quot;https:\\\/\\\/www.garciafaura.com\\\/wp-content\\\/uploads\\\/2025\\\/09\\\/Oficines-SAIER-Barcelona-28.jpg&quot;},{&quot;src&quot;:&quot;https:\\\/\\\/www.garciafaura.com\\\/wp-content\\\/uploads\\\/2025\\\/09\\\/Oficines-SAIER-Barcelona-29.jpg&quot;},{&quot;src&quot;:&quot;https:\\\/\\\/www.garciafaura.com\\\/wp-content\\\/uploads\\\/2025\\\/09\\\/Oficines-SAIER-Barcelona-30.jpg&quot;},{&quot;src&quot;:&quot;https:\\\/\\\/www.garciafaura.com\\\/wp-content\\\/uploads\\\/2025\\\/09\\\/Oficines-SAIER-Barcelona-31.jpg&quot;},{&quot;src&quot;:&quot;https:\\\/\\\/www.garciafaura.com\\\/wp-content\\\/uploads\\\/2025\\\/09\\\/Oficines-SAIER-Barcelona-32.jpg&quot;},{&quot;src&quot;:&quot;https:\\\/\\\/www.garciafaura.com\\\/wp-content\\\/uploads\\\/2025\\\/09\\\/Oficines-SAIER-Barcelona-33.jpg&quot;},{&quot;src&quot;:&quot;https:\\\/\\\/www.garciafaura.com\\\/wp-content\\\/uploads\\\/2025\\\/09\\\/Oficines-SAIER-Barcelona-34.jpg&quot;},{&quot;src&quot;:&quot;https:\\\/\\\/www.garciafaura.com\\\/wp-content\\\/uploads\\\/2025\\\/09\\\/Oficines-SAIER-Barcelona-35.jpg&quot;},{&quot;src&quot;:&quot;https:\\\/\\\/www.garciafaura.com\\\/wp-content\\\/uploads\\\/2025\\\/09\\\/Oficines-SAIER-Barcelona-36.jpg&quot;},{&quot;src&quot;:&quot;https:\\\/\\\/www.garciafaura.com\\\/wp-content\\\/uploads\\\/2025\\\/09\\\/Oficines-SAIER-Barcelona-37.jpg&quot;},{&quot;src&quot;:&quot;https:\\\/\\\/www.garciafaura.com\\\/wp-content\\\/uploads\\\/2025\\\/09\\\/Oficines-SAIER-Barcelona-38.jpg&quot;},{&quot;src&quot;:&quot;https:\\\/\\\/www.garciafaura.com\\\/wp-content\\\/uploads\\\/2025\\\/09\\\/Oficines-SAIER-Barcelona-39.jpg&quot;}]\"><img loading=\"lazy\" decoding=\"async\" data-no-lazy=\"1\" class=\"portfolio-entry-img skip-lazy\" src=\"https:\/\/www.garciafaura.com\/wp-content\/uploads\/2025\/09\/Oficines-SAIER-Barcelona-11-600x314.jpg\" alt='' data-no-retina width=\"600\" height=\"314\" \/><\/a><\/div><div class=\"portfolio-entry-details entry-details wpex-clr\"><h2 class=\"portfolio-entry-title entry-title\"><a href=\"https:\/\/www.garciafaura.com\/fr\/portfolio-item\/rehabilitacio-edifici-doficines-saier-barcelona\/\" title=\"R\u00e9novation bureaux SAIER Barcelone\">R\u00e9novation bureaux SAIER Barcelone<\/a><\/h2><div class=\"portfolio-entry-categories entry-categories wpex-clr\"><a href=\"https:\/\/www.garciafaura.com\/fr\/portfolio-category\/batiments-de-services\/\" class=\"term-75\">B\u00e2timents de Services<\/a><\/div><\/div><\/div><\/div><div class=\"portfolio-entry vcex-grid-item entry-has-details span_1_of_3 col col-2 vcex-isotope-entry vcex-no-margin-entry post-34989 entry type-portfolio has-media cat-69 cat-93 cat-95 cat-90 cat-101 translation_priority-5\"><div class=\"portfolio-entry-inner entry-inner wpex-clr\"><div class=\"portfolio-entry-media entry-media wpex-clr\"><a href=\"https:\/\/www.garciafaura.com\/wp-content\/uploads\/2024\/02\/Edifici-A12-Consorci-Zona-Franca-38.jpg\" title=\"R\u00e9novation B\u00e2timent Consortium ZFB\" class=\"portfolio-entry-media-link wpex-lightbox-gallery\" data-gallery=\"[{&quot;src&quot;:&quot;https:\\\/\\\/www.garciafaura.com\\\/wp-content\\\/uploads\\\/2024\\\/02\\\/Edifici-A12-Consorci-Zona-Franca-38.jpg&quot;},{&quot;src&quot;:&quot;https:\\\/\\\/www.garciafaura.com\\\/wp-content\\\/uploads\\\/2024\\\/02\\\/Edifici-A12-Consorci-Zona-Franca-49.jpg&quot;},{&quot;src&quot;:&quot;https:\\\/\\\/www.garciafaura.com\\\/wp-content\\\/uploads\\\/2024\\\/02\\\/Edifici-A12-Consorci-Zona-Franca-48.jpg&quot;},{&quot;src&quot;:&quot;https:\\\/\\\/www.garciafaura.com\\\/wp-content\\\/uploads\\\/2024\\\/02\\\/Edifici-A12-Consorci-Zona-Franca-47.jpg&quot;},{&quot;src&quot;:&quot;https:\\\/\\\/www.garciafaura.com\\\/wp-content\\\/uploads\\\/2024\\\/02\\\/Edifici-A12-Consorci-Zona-Franca-46.jpg&quot;},{&quot;src&quot;:&quot;https:\\\/\\\/www.garciafaura.com\\\/wp-content\\\/uploads\\\/2024\\\/02\\\/Edifici-A12-Consorci-Zona-Franca-45.jpg&quot;},{&quot;src&quot;:&quot;https:\\\/\\\/www.garciafaura.com\\\/wp-content\\\/uploads\\\/2024\\\/02\\\/Edifici-A12-Consorci-Zona-Franca-44.jpg&quot;},{&quot;src&quot;:&quot;https:\\\/\\\/www.garciafaura.com\\\/wp-content\\\/uploads\\\/2024\\\/02\\\/Edifici-A12-Consorci-Zona-Franca-43.jpg&quot;},{&quot;src&quot;:&quot;https:\\\/\\\/www.garciafaura.com\\\/wp-content\\\/uploads\\\/2024\\\/02\\\/Edifici-A12-Consorci-Zona-Franca-42.jpg&quot;},{&quot;src&quot;:&quot;https:\\\/\\\/www.garciafaura.com\\\/wp-content\\\/uploads\\\/2024\\\/02\\\/Edifici-A12-Consorci-Zona-Franca-41.jpg&quot;},{&quot;src&quot;:&quot;https:\\\/\\\/www.garciafaura.com\\\/wp-content\\\/uploads\\\/2024\\\/02\\\/Edifici-A12-Consorci-Zona-Franca-40.jpg&quot;},{&quot;src&quot;:&quot;https:\\\/\\\/www.garciafaura.com\\\/wp-content\\\/uploads\\\/2024\\\/02\\\/Edifici-A12-Consorci-Zona-Franca-39.jpg&quot;},{&quot;src&quot;:&quot;https:\\\/\\\/www.garciafaura.com\\\/wp-content\\\/uploads\\\/2024\\\/02\\\/Edifici-A12-Consorci-Zona-Franca-37.jpg&quot;},{&quot;src&quot;:&quot;https:\\\/\\\/www.garciafaura.com\\\/wp-content\\\/uploads\\\/2024\\\/02\\\/Edifici-A12-Consorci-Zona-Franca-36.jpg&quot;},{&quot;src&quot;:&quot;https:\\\/\\\/www.garciafaura.com\\\/wp-content\\\/uploads\\\/2024\\\/02\\\/Edifici-A12-Consorci-Zona-Franca-35.jpg&quot;},{&quot;src&quot;:&quot;https:\\\/\\\/www.garciafaura.com\\\/wp-content\\\/uploads\\\/2024\\\/02\\\/Edifici-A12-Consorci-Zona-Franca-34.jpg&quot;},{&quot;src&quot;:&quot;https:\\\/\\\/www.garciafaura.com\\\/wp-content\\\/uploads\\\/2024\\\/02\\\/Edifici-A12-Consorci-Zona-Franca-33.jpg&quot;},{&quot;src&quot;:&quot;https:\\\/\\\/www.garciafaura.com\\\/wp-content\\\/uploads\\\/2024\\\/02\\\/Edifici-A12-Consorci-Zona-Franca-32.jpg&quot;},{&quot;src&quot;:&quot;https:\\\/\\\/www.garciafaura.com\\\/wp-content\\\/uploads\\\/2024\\\/02\\\/Edifici-A12-Consorci-Zona-Franca-31.jpg&quot;},{&quot;src&quot;:&quot;https:\\\/\\\/www.garciafaura.com\\\/wp-content\\\/uploads\\\/2024\\\/02\\\/Edifici-A12-Consorci-Zona-Franca-30.jpg&quot;},{&quot;src&quot;:&quot;https:\\\/\\\/www.garciafaura.com\\\/wp-content\\\/uploads\\\/2024\\\/02\\\/Edifici-A12-Consorci-Zona-Franca-29.jpg&quot;},{&quot;src&quot;:&quot;https:\\\/\\\/www.garciafaura.com\\\/wp-content\\\/uploads\\\/2024\\\/02\\\/Edifici-A12-Consorci-Zona-Franca-28.jpg&quot;},{&quot;src&quot;:&quot;https:\\\/\\\/www.garciafaura.com\\\/wp-content\\\/uploads\\\/2024\\\/02\\\/Edifici-A12-Consorci-Zona-Franca-27.jpg&quot;},{&quot;src&quot;:&quot;https:\\\/\\\/www.garciafaura.com\\\/wp-content\\\/uploads\\\/2024\\\/02\\\/Edifici-A12-Consorci-Zona-Franca-26.jpg&quot;},{&quot;src&quot;:&quot;https:\\\/\\\/www.garciafaura.com\\\/wp-content\\\/uploads\\\/2024\\\/02\\\/Edifici-A12-Consorci-Zona-Franca-25.jpg&quot;},{&quot;src&quot;:&quot;https:\\\/\\\/www.garciafaura.com\\\/wp-content\\\/uploads\\\/2024\\\/02\\\/Edifici-A12-Consorci-Zona-Franca-24.jpg&quot;},{&quot;src&quot;:&quot;https:\\\/\\\/www.garciafaura.com\\\/wp-content\\\/uploads\\\/2024\\\/02\\\/Edifici-A12-Consorci-Zona-Franca-23.jpg&quot;},{&quot;src&quot;:&quot;https:\\\/\\\/www.garciafaura.com\\\/wp-content\\\/uploads\\\/2024\\\/02\\\/Edifici-A12-Consorci-Zona-Franca-22.jpg&quot;},{&quot;src&quot;:&quot;https:\\\/\\\/www.garciafaura.com\\\/wp-content\\\/uploads\\\/2024\\\/02\\\/Edifici-A12-Consorci-Zona-Franca-21.jpg&quot;},{&quot;src&quot;:&quot;https:\\\/\\\/www.garciafaura.com\\\/wp-content\\\/uploads\\\/2024\\\/02\\\/Edifici-A12-Consorci-Zona-Franca-20.jpg&quot;},{&quot;src&quot;:&quot;https:\\\/\\\/www.garciafaura.com\\\/wp-content\\\/uploads\\\/2024\\\/02\\\/Edifici-A12-Consorci-Zona-Franca-19.jpg&quot;},{&quot;src&quot;:&quot;https:\\\/\\\/www.garciafaura.com\\\/wp-content\\\/uploads\\\/2024\\\/02\\\/Edifici-A12-Consorci-Zona-Franca-18.jpg&quot;},{&quot;src&quot;:&quot;https:\\\/\\\/www.garciafaura.com\\\/wp-content\\\/uploads\\\/2024\\\/02\\\/Edifici-A12-Consorci-Zona-Franca-17.jpg&quot;},{&quot;src&quot;:&quot;https:\\\/\\\/www.garciafaura.com\\\/wp-content\\\/uploads\\\/2024\\\/02\\\/Edifici-A12-Consorci-Zona-Franca-16.jpg&quot;},{&quot;src&quot;:&quot;https:\\\/\\\/www.garciafaura.com\\\/wp-content\\\/uploads\\\/2024\\\/02\\\/Edifici-A12-Consorci-Zona-Franca-15.jpg&quot;},{&quot;src&quot;:&quot;https:\\\/\\\/www.garciafaura.com\\\/wp-content\\\/uploads\\\/2024\\\/02\\\/Edifici-A12-Consorci-Zona-Franca-14.jpg&quot;},{&quot;src&quot;:&quot;https:\\\/\\\/www.garciafaura.com\\\/wp-content\\\/uploads\\\/2024\\\/02\\\/Edifici-A12-Consorci-Zona-Franca-13.jpg&quot;},{&quot;src&quot;:&quot;https:\\\/\\\/www.garciafaura.com\\\/wp-content\\\/uploads\\\/2024\\\/02\\\/Edifici-A12-Consorci-Zona-Franca-12.jpg&quot;},{&quot;src&quot;:&quot;https:\\\/\\\/www.garciafaura.com\\\/wp-content\\\/uploads\\\/2024\\\/02\\\/Edifici-A12-Consorci-Zona-Franca-11.jpg&quot;},{&quot;src&quot;:&quot;https:\\\/\\\/www.garciafaura.com\\\/wp-content\\\/uploads\\\/2024\\\/02\\\/Edifici-A12-Consorci-Zona-Franca-10.jpg&quot;},{&quot;src&quot;:&quot;https:\\\/\\\/www.garciafaura.com\\\/wp-content\\\/uploads\\\/2024\\\/02\\\/Edifici-A12-Consorci-Zona-Franca-9.jpg&quot;},{&quot;src&quot;:&quot;https:\\\/\\\/www.garciafaura.com\\\/wp-content\\\/uploads\\\/2024\\\/02\\\/Edifici-A12-Consorci-Zona-Franca-8.jpg&quot;},{&quot;src&quot;:&quot;https:\\\/\\\/www.garciafaura.com\\\/wp-content\\\/uploads\\\/2024\\\/02\\\/Edifici-A12-Consorci-Zona-Franca-7.jpg&quot;},{&quot;src&quot;:&quot;https:\\\/\\\/www.garciafaura.com\\\/wp-content\\\/uploads\\\/2024\\\/02\\\/Edifici-A12-Consorci-Zona-Franca-6.jpg&quot;,&quot;title&quot;:&quot;GARCIA FAURA&quot;},{&quot;src&quot;:&quot;https:\\\/\\\/www.garciafaura.com\\\/wp-content\\\/uploads\\\/2024\\\/02\\\/Edifici-A12-Consorci-Zona-Franca-5.jpg&quot;,&quot;title&quot;:&quot;GARCIA FAURA&quot;},{&quot;src&quot;:&quot;https:\\\/\\\/www.garciafaura.com\\\/wp-content\\\/uploads\\\/2024\\\/02\\\/Edifici-A12-Consorci-Zona-Franca-4.jpg&quot;,&quot;title&quot;:&quot;GARCIA FAURA&quot;},{&quot;src&quot;:&quot;https:\\\/\\\/www.garciafaura.com\\\/wp-content\\\/uploads\\\/2024\\\/02\\\/Edifici-A12-Consorci-Zona-Franca-3.jpg&quot;,&quot;title&quot;:&quot;GARCIA FAURA&quot;},{&quot;src&quot;:&quot;https:\\\/\\\/www.garciafaura.com\\\/wp-content\\\/uploads\\\/2024\\\/02\\\/Edifici-A12-Consorci-Zona-Franca-2.jpg&quot;,&quot;title&quot;:&quot;GARCIA FAURA&quot;},{&quot;src&quot;:&quot;https:\\\/\\\/www.garciafaura.com\\\/wp-content\\\/uploads\\\/2024\\\/02\\\/Edifici-A12-Consorci-Zona-Franca-1.jpg&quot;,&quot;title&quot;:&quot;GARCIA FAURA&quot;}]\"><img loading=\"lazy\" decoding=\"async\" data-no-lazy=\"1\" class=\"portfolio-entry-img skip-lazy\" src=\"https:\/\/www.garciafaura.com\/wp-content\/uploads\/2024\/02\/Edifici-A12-Consorci-Zona-Franca-38-600x314.jpg\" alt='' data-no-retina width=\"600\" height=\"314\" \/><\/a><\/div><div class=\"portfolio-entry-details entry-details wpex-clr\"><h2 class=\"portfolio-entry-title entry-title\"><a href=\"https:\/\/www.garciafaura.com\/fr\/portfolio-item\/rehabilitacio-edifici-consorci-zfb\/\" title=\"R\u00e9novation B\u00e2timent Consortium ZFB\">R\u00e9novation B\u00e2timent Consortium ZFB<\/a><\/h2><div class=\"portfolio-entry-categories entry-categories wpex-clr\"><a href=\"https:\/\/www.garciafaura.com\/fr\/portfolio-category\/facades-remarquables\/\" class=\"term-95\">Fa\u00e7ades Remarquables<\/a><\/div><\/div><\/div><\/div><div class=\"portfolio-entry vcex-grid-item entry-has-details span_1_of_3 col col-3 vcex-isotope-entry vcex-no-margin-entry post-34426 entry type-portfolio has-media cat-69 cat-102 cat-93 cat-95 cat-90 cat-101 translation_priority-5\"><div class=\"portfolio-entry-inner entry-inner wpex-clr\"><div class=\"portfolio-entry-media entry-media wpex-clr\"><a href=\"https:\/\/www.garciafaura.com\/wp-content\/uploads\/2024\/01\/Rehab-edifici-Estel-02.jpg\" title=\"R\u00e9novation de l&rsquo;immeuble Estel\" class=\"portfolio-entry-media-link wpex-lightbox-gallery\" data-gallery=\"[{&quot;src&quot;:&quot;https:\\\/\\\/www.garciafaura.com\\\/wp-content\\\/uploads\\\/2024\\\/01\\\/Rehab-edifici-Estel-03.jpg&quot;},{&quot;src&quot;:&quot;https:\\\/\\\/www.garciafaura.com\\\/wp-content\\\/uploads\\\/2024\\\/01\\\/Rehab-edifici-Estel-01.jpg&quot;},{&quot;src&quot;:&quot;https:\\\/\\\/www.garciafaura.com\\\/wp-content\\\/uploads\\\/2024\\\/01\\\/Rehab-edifici-Estel-57.jpg&quot;},{&quot;src&quot;:&quot;https:\\\/\\\/www.garciafaura.com\\\/wp-content\\\/uploads\\\/2024\\\/01\\\/Rehab-edifici-Estel-56.jpg&quot;},{&quot;src&quot;:&quot;https:\\\/\\\/www.garciafaura.com\\\/wp-content\\\/uploads\\\/2024\\\/01\\\/Rehab-edifici-Estel-55.jpg&quot;},{&quot;src&quot;:&quot;https:\\\/\\\/www.garciafaura.com\\\/wp-content\\\/uploads\\\/2024\\\/01\\\/Rehab-edifici-Estel-54.jpg&quot;},{&quot;src&quot;:&quot;https:\\\/\\\/www.garciafaura.com\\\/wp-content\\\/uploads\\\/2024\\\/01\\\/Rehab-edifici-Estel-53.jpg&quot;},{&quot;src&quot;:&quot;https:\\\/\\\/www.garciafaura.com\\\/wp-content\\\/uploads\\\/2024\\\/01\\\/Rehab-edifici-Estel-52.jpg&quot;},{&quot;src&quot;:&quot;https:\\\/\\\/www.garciafaura.com\\\/wp-content\\\/uploads\\\/2024\\\/01\\\/Rehab-edifici-Estel-51.jpg&quot;},{&quot;src&quot;:&quot;https:\\\/\\\/www.garciafaura.com\\\/wp-content\\\/uploads\\\/2024\\\/01\\\/Rehab-edifici-Estel-50.jpg&quot;},{&quot;src&quot;:&quot;https:\\\/\\\/www.garciafaura.com\\\/wp-content\\\/uploads\\\/2024\\\/01\\\/Rehab-edifici-Estel-49.jpg&quot;},{&quot;src&quot;:&quot;https:\\\/\\\/www.garciafaura.com\\\/wp-content\\\/uploads\\\/2024\\\/01\\\/Rehab-edifici-Estel-48.jpg&quot;},{&quot;src&quot;:&quot;https:\\\/\\\/www.garciafaura.com\\\/wp-content\\\/uploads\\\/2024\\\/01\\\/Rehab-edifici-Estel-47.jpg&quot;},{&quot;src&quot;:&quot;https:\\\/\\\/www.garciafaura.com\\\/wp-content\\\/uploads\\\/2024\\\/01\\\/Rehab-edifici-Estel-46.jpg&quot;},{&quot;src&quot;:&quot;https:\\\/\\\/www.garciafaura.com\\\/wp-content\\\/uploads\\\/2024\\\/01\\\/Rehab-edifici-Estel-45.jpg&quot;},{&quot;src&quot;:&quot;https:\\\/\\\/www.garciafaura.com\\\/wp-content\\\/uploads\\\/2024\\\/01\\\/Rehab-edifici-Estel-44.jpg&quot;},{&quot;src&quot;:&quot;https:\\\/\\\/www.garciafaura.com\\\/wp-content\\\/uploads\\\/2024\\\/01\\\/Rehab-edifici-Estel-43.jpg&quot;},{&quot;src&quot;:&quot;https:\\\/\\\/www.garciafaura.com\\\/wp-content\\\/uploads\\\/2024\\\/01\\\/Rehab-edifici-Estel-42.jpg&quot;},{&quot;src&quot;:&quot;https:\\\/\\\/www.garciafaura.com\\\/wp-content\\\/uploads\\\/2024\\\/01\\\/Rehab-edifici-Estel-41.jpg&quot;},{&quot;src&quot;:&quot;https:\\\/\\\/www.garciafaura.com\\\/wp-content\\\/uploads\\\/2024\\\/01\\\/Rehab-edifici-Estel-40.jpg&quot;},{&quot;src&quot;:&quot;https:\\\/\\\/www.garciafaura.com\\\/wp-content\\\/uploads\\\/2024\\\/01\\\/Rehab-edifici-Estel-39.jpg&quot;},{&quot;src&quot;:&quot;https:\\\/\\\/www.garciafaura.com\\\/wp-content\\\/uploads\\\/2024\\\/01\\\/Rehab-edifici-Estel-38.jpg&quot;},{&quot;src&quot;:&quot;https:\\\/\\\/www.garciafaura.com\\\/wp-content\\\/uploads\\\/2024\\\/01\\\/Rehab-edifici-Estel-37.jpg&quot;},{&quot;src&quot;:&quot;https:\\\/\\\/www.garciafaura.com\\\/wp-content\\\/uploads\\\/2024\\\/01\\\/Rehab-edifici-Estel-36.jpg&quot;},{&quot;src&quot;:&quot;https:\\\/\\\/www.garciafaura.com\\\/wp-content\\\/uploads\\\/2024\\\/01\\\/Rehab-edifici-Estel-35.jpg&quot;},{&quot;src&quot;:&quot;https:\\\/\\\/www.garciafaura.com\\\/wp-content\\\/uploads\\\/2024\\\/01\\\/Rehab-edifici-Estel-34.jpg&quot;},{&quot;src&quot;:&quot;https:\\\/\\\/www.garciafaura.com\\\/wp-content\\\/uploads\\\/2024\\\/01\\\/Rehab-edifici-Estel-33.jpg&quot;},{&quot;src&quot;:&quot;https:\\\/\\\/www.garciafaura.com\\\/wp-content\\\/uploads\\\/2024\\\/01\\\/Rehab-edifici-Estel-32.jpg&quot;},{&quot;src&quot;:&quot;https:\\\/\\\/www.garciafaura.com\\\/wp-content\\\/uploads\\\/2024\\\/01\\\/Rehab-edifici-Estel-31.jpg&quot;},{&quot;src&quot;:&quot;https:\\\/\\\/www.garciafaura.com\\\/wp-content\\\/uploads\\\/2024\\\/01\\\/Rehab-edifici-Estel-30.jpg&quot;},{&quot;src&quot;:&quot;https:\\\/\\\/www.garciafaura.com\\\/wp-content\\\/uploads\\\/2024\\\/01\\\/Rehab-edifici-Estel-29.jpg&quot;},{&quot;src&quot;:&quot;https:\\\/\\\/www.garciafaura.com\\\/wp-content\\\/uploads\\\/2024\\\/01\\\/Rehab-edifici-Estel-28.jpg&quot;},{&quot;src&quot;:&quot;https:\\\/\\\/www.garciafaura.com\\\/wp-content\\\/uploads\\\/2024\\\/01\\\/Rehab-edifici-Estel-27.jpg&quot;},{&quot;src&quot;:&quot;https:\\\/\\\/www.garciafaura.com\\\/wp-content\\\/uploads\\\/2024\\\/01\\\/Rehab-edifici-Estel-26.jpg&quot;},{&quot;src&quot;:&quot;https:\\\/\\\/www.garciafaura.com\\\/wp-content\\\/uploads\\\/2024\\\/01\\\/Rehab-edifici-Estel-25.jpg&quot;},{&quot;src&quot;:&quot;https:\\\/\\\/www.garciafaura.com\\\/wp-content\\\/uploads\\\/2024\\\/01\\\/Rehab-edifici-Estel-24.jpg&quot;},{&quot;src&quot;:&quot;https:\\\/\\\/www.garciafaura.com\\\/wp-content\\\/uploads\\\/2024\\\/01\\\/Rehab-edifici-Estel-23.jpg&quot;},{&quot;src&quot;:&quot;https:\\\/\\\/www.garciafaura.com\\\/wp-content\\\/uploads\\\/2024\\\/01\\\/Rehab-edifici-Estel-22.jpg&quot;},{&quot;src&quot;:&quot;https:\\\/\\\/www.garciafaura.com\\\/wp-content\\\/uploads\\\/2024\\\/01\\\/Rehab-edifici-Estel-21.jpg&quot;},{&quot;src&quot;:&quot;https:\\\/\\\/www.garciafaura.com\\\/wp-content\\\/uploads\\\/2024\\\/01\\\/Rehab-edifici-Estel-20.jpg&quot;},{&quot;src&quot;:&quot;https:\\\/\\\/www.garciafaura.com\\\/wp-content\\\/uploads\\\/2024\\\/01\\\/Rehab-edifici-Estel-19.jpg&quot;},{&quot;src&quot;:&quot;https:\\\/\\\/www.garciafaura.com\\\/wp-content\\\/uploads\\\/2024\\\/01\\\/Rehab-edifici-Estel-18.jpg&quot;},{&quot;src&quot;:&quot;https:\\\/\\\/www.garciafaura.com\\\/wp-content\\\/uploads\\\/2024\\\/01\\\/Rehab-edifici-Estel-17.jpg&quot;},{&quot;src&quot;:&quot;https:\\\/\\\/www.garciafaura.com\\\/wp-content\\\/uploads\\\/2024\\\/01\\\/Rehab-edifici-Estel-16.jpg&quot;},{&quot;src&quot;:&quot;https:\\\/\\\/www.garciafaura.com\\\/wp-content\\\/uploads\\\/2024\\\/01\\\/Rehab-edifici-Estel-15.jpg&quot;},{&quot;src&quot;:&quot;https:\\\/\\\/www.garciafaura.com\\\/wp-content\\\/uploads\\\/2024\\\/01\\\/Rehab-edifici-Estel-14.jpg&quot;},{&quot;src&quot;:&quot;https:\\\/\\\/www.garciafaura.com\\\/wp-content\\\/uploads\\\/2024\\\/01\\\/Rehab-edifici-Estel-13.jpg&quot;},{&quot;src&quot;:&quot;https:\\\/\\\/www.garciafaura.com\\\/wp-content\\\/uploads\\\/2024\\\/01\\\/Rehab-edifici-Estel-12.jpg&quot;},{&quot;src&quot;:&quot;https:\\\/\\\/www.garciafaura.com\\\/wp-content\\\/uploads\\\/2024\\\/01\\\/Rehab-edifici-Estel-11.jpg&quot;},{&quot;src&quot;:&quot;https:\\\/\\\/www.garciafaura.com\\\/wp-content\\\/uploads\\\/2024\\\/01\\\/Rehab-edifici-Estel-10.jpg&quot;},{&quot;src&quot;:&quot;https:\\\/\\\/www.garciafaura.com\\\/wp-content\\\/uploads\\\/2024\\\/01\\\/Rehab-edifici-Estel-09.jpg&quot;},{&quot;src&quot;:&quot;https:\\\/\\\/www.garciafaura.com\\\/wp-content\\\/uploads\\\/2024\\\/01\\\/Rehab-edifici-Estel-08.jpg&quot;},{&quot;src&quot;:&quot;https:\\\/\\\/www.garciafaura.com\\\/wp-content\\\/uploads\\\/2024\\\/01\\\/Rehab-edifici-Estel-07.jpg&quot;},{&quot;src&quot;:&quot;https:\\\/\\\/www.garciafaura.com\\\/wp-content\\\/uploads\\\/2024\\\/01\\\/Rehab-edifici-Estel-06.jpg&quot;},{&quot;src&quot;:&quot;https:\\\/\\\/www.garciafaura.com\\\/wp-content\\\/uploads\\\/2024\\\/01\\\/Rehab-edifici-Estel-05.jpg&quot;},{&quot;src&quot;:&quot;https:\\\/\\\/www.garciafaura.com\\\/wp-content\\\/uploads\\\/2024\\\/01\\\/Rehab-edifici-Estel-04.jpg&quot;},{&quot;src&quot;:&quot;https:\\\/\\\/www.garciafaura.com\\\/wp-content\\\/uploads\\\/2024\\\/01\\\/Rehab-edifici-Estel-02.jpg&quot;}]\"><img loading=\"lazy\" decoding=\"async\" data-no-lazy=\"1\" class=\"portfolio-entry-img skip-lazy\" src=\"https:\/\/www.garciafaura.com\/wp-content\/uploads\/2024\/01\/Rehab-edifici-Estel-02-600x314.jpg\" alt='' data-no-retina width=\"600\" height=\"314\" \/><\/a><\/div><div class=\"portfolio-entry-details entry-details wpex-clr\"><h2 class=\"portfolio-entry-title entry-title\"><a href=\"https:\/\/www.garciafaura.com\/fr\/portfolio-item\/transformacio-edifici-estel\/\" title=\"R\u00e9novation de l&rsquo;immeuble Estel\">R\u00e9novation de l&rsquo;immeuble Estel<\/a><\/h2><div class=\"portfolio-entry-categories entry-categories wpex-clr\"><a href=\"https:\/\/www.garciafaura.com\/fr\/portfolio-category\/reamenagement\/\" class=\"term-90\">R\u00e9am\u00e9nagement<\/a><\/div><\/div><\/div><\/div><div class=\"portfolio-entry vcex-grid-item entry-has-details span_1_of_3 col col-1 vcex-isotope-entry vcex-no-margin-entry post-33726 entry type-portfolio has-media cat-93 cat-95 cat-90 cat-101 translation_priority-5\"><div class=\"portfolio-entry-inner entry-inner wpex-clr\"><div class=\"portfolio-entry-media entry-media wpex-clr\"><a href=\"https:\/\/www.garciafaura.com\/wp-content\/uploads\/2023\/11\/Plug-Harvest-Parets-01.jpg\" title=\"R\u00e9habilitation Plug-n-Harvest Sant Quirze\" class=\"portfolio-entry-media-link wpex-lightbox-gallery\" data-gallery=\"[{&quot;src&quot;:&quot;https:\\\/\\\/www.garciafaura.com\\\/wp-content\\\/uploads\\\/2023\\\/11\\\/Plug-Harvest-Parets-01.jpg&quot;},{&quot;src&quot;:&quot;https:\\\/\\\/www.garciafaura.com\\\/wp-content\\\/uploads\\\/2023\\\/11\\\/Plug-Harvest-Parets-11.jpg&quot;},{&quot;src&quot;:&quot;https:\\\/\\\/www.garciafaura.com\\\/wp-content\\\/uploads\\\/2023\\\/11\\\/Plug-Harvest-Parets-10.jpg&quot;},{&quot;src&quot;:&quot;https:\\\/\\\/www.garciafaura.com\\\/wp-content\\\/uploads\\\/2023\\\/11\\\/Plug-Harvest-Parets-09.jpg&quot;},{&quot;src&quot;:&quot;https:\\\/\\\/www.garciafaura.com\\\/wp-content\\\/uploads\\\/2023\\\/11\\\/Plug-Harvest-Parets-08.jpg&quot;},{&quot;src&quot;:&quot;https:\\\/\\\/www.garciafaura.com\\\/wp-content\\\/uploads\\\/2023\\\/11\\\/Plug-Harvest-Parets-07.jpg&quot;},{&quot;src&quot;:&quot;https:\\\/\\\/www.garciafaura.com\\\/wp-content\\\/uploads\\\/2023\\\/11\\\/Plug-Harvest-Parets-06.jpg&quot;},{&quot;src&quot;:&quot;https:\\\/\\\/www.garciafaura.com\\\/wp-content\\\/uploads\\\/2023\\\/11\\\/Plug-Harvest-Parets-05.jpg&quot;},{&quot;src&quot;:&quot;https:\\\/\\\/www.garciafaura.com\\\/wp-content\\\/uploads\\\/2023\\\/11\\\/Plug-Harvest-Parets-04.jpg&quot;},{&quot;src&quot;:&quot;https:\\\/\\\/www.garciafaura.com\\\/wp-content\\\/uploads\\\/2023\\\/11\\\/Plug-Harvest-Parets-03.jpg&quot;},{&quot;src&quot;:&quot;https:\\\/\\\/www.garciafaura.com\\\/wp-content\\\/uploads\\\/2023\\\/11\\\/Plug-Harvest-Parets-02.jpg&quot;}]\"><img loading=\"lazy\" decoding=\"async\" data-no-lazy=\"1\" class=\"portfolio-entry-img skip-lazy\" src=\"https:\/\/www.garciafaura.com\/wp-content\/uploads\/2023\/11\/Plug-Harvest-Parets-01-600x314.jpg\" alt='' data-no-retina width=\"600\" height=\"314\" \/><\/a><\/div><div class=\"portfolio-entry-details entry-details wpex-clr\"><h2 class=\"portfolio-entry-title entry-title\"><a href=\"https:\/\/www.garciafaura.com\/fr\/portfolio-item\/rehabilitacio-plug-n-harvest-sant-quirze\/\" title=\"R\u00e9habilitation Plug-n-Harvest Sant Quirze\">R\u00e9habilitation Plug-n-Harvest Sant Quirze<\/a><\/h2><div class=\"portfolio-entry-categories entry-categories wpex-clr\"><a href=\"https:\/\/www.garciafaura.com\/fr\/portfolio-category\/facades-fr\/\" class=\"term-93\">Fa\u00e7ades<\/a><\/div><\/div><\/div><\/div><div class=\"portfolio-entry vcex-grid-item entry-has-details span_1_of_3 col col-2 vcex-isotope-entry vcex-no-margin-entry post-32337 entry type-portfolio has-media cat-75 cat-90 translation_priority-5\"><div class=\"portfolio-entry-inner entry-inner wpex-clr\"><div class=\"portfolio-entry-media entry-media wpex-clr\"><a href=\"https:\/\/www.garciafaura.com\/wp-content\/uploads\/2023\/07\/Vapor-Cortes-Terrassa-23.jpg\" title=\"R\u00e9habilitation Vapor Cort\u00e8s\" class=\"portfolio-entry-media-link wpex-lightbox-gallery\" data-gallery=\"[{&quot;src&quot;:&quot;https:\\\/\\\/www.garciafaura.com\\\/wp-content\\\/uploads\\\/2023\\\/07\\\/Vapor-Cortes-Terrassa-23.jpg&quot;},{&quot;src&quot;:&quot;https:\\\/\\\/www.garciafaura.com\\\/wp-content\\\/uploads\\\/2023\\\/07\\\/Vapor-Cortes-Terrassa-29-scaled.jpg&quot;},{&quot;src&quot;:&quot;https:\\\/\\\/www.garciafaura.com\\\/wp-content\\\/uploads\\\/2023\\\/07\\\/Vapor-Cortes-Terrassa-28-scaled.jpg&quot;},{&quot;src&quot;:&quot;https:\\\/\\\/www.garciafaura.com\\\/wp-content\\\/uploads\\\/2023\\\/07\\\/Vapor-Cortes-Terrassa-27.jpg&quot;},{&quot;src&quot;:&quot;https:\\\/\\\/www.garciafaura.com\\\/wp-content\\\/uploads\\\/2023\\\/07\\\/Vapor-Cortes-Terrassa-26.jpg&quot;},{&quot;src&quot;:&quot;https:\\\/\\\/www.garciafaura.com\\\/wp-content\\\/uploads\\\/2023\\\/07\\\/Vapor-Cortes-Terrassa-25.jpg&quot;},{&quot;src&quot;:&quot;https:\\\/\\\/www.garciafaura.com\\\/wp-content\\\/uploads\\\/2023\\\/07\\\/Vapor-Cortes-Terrassa-24.jpg&quot;},{&quot;src&quot;:&quot;https:\\\/\\\/www.garciafaura.com\\\/wp-content\\\/uploads\\\/2023\\\/07\\\/Vapor-Cortes-Terrassa-22.jpg&quot;},{&quot;src&quot;:&quot;https:\\\/\\\/www.garciafaura.com\\\/wp-content\\\/uploads\\\/2023\\\/07\\\/Vapor-Cortes-Terrassa-21.jpg&quot;},{&quot;src&quot;:&quot;https:\\\/\\\/www.garciafaura.com\\\/wp-content\\\/uploads\\\/2023\\\/07\\\/Vapor-Cortes-Terrassa-20.jpg&quot;},{&quot;src&quot;:&quot;https:\\\/\\\/www.garciafaura.com\\\/wp-content\\\/uploads\\\/2023\\\/07\\\/Vapor-Cortes-Terrassa-19.jpg&quot;},{&quot;src&quot;:&quot;https:\\\/\\\/www.garciafaura.com\\\/wp-content\\\/uploads\\\/2023\\\/07\\\/Vapor-Cortes-Terrassa-18.jpg&quot;},{&quot;src&quot;:&quot;https:\\\/\\\/www.garciafaura.com\\\/wp-content\\\/uploads\\\/2023\\\/07\\\/Vapor-Cortes-Terrassa-17-scaled.jpg&quot;},{&quot;src&quot;:&quot;https:\\\/\\\/www.garciafaura.com\\\/wp-content\\\/uploads\\\/2023\\\/07\\\/Vapor-Cortes-Terrassa-16-scaled.jpg&quot;},{&quot;src&quot;:&quot;https:\\\/\\\/www.garciafaura.com\\\/wp-content\\\/uploads\\\/2023\\\/07\\\/Vapor-Cortes-Terrassa-15.jpg&quot;},{&quot;src&quot;:&quot;https:\\\/\\\/www.garciafaura.com\\\/wp-content\\\/uploads\\\/2023\\\/07\\\/Vapor-Cortes-Terrassa-14.jpg&quot;},{&quot;src&quot;:&quot;https:\\\/\\\/www.garciafaura.com\\\/wp-content\\\/uploads\\\/2023\\\/07\\\/Vapor-Cortes-Terrassa-13.jpg&quot;},{&quot;src&quot;:&quot;https:\\\/\\\/www.garciafaura.com\\\/wp-content\\\/uploads\\\/2023\\\/07\\\/Vapor-Cortes-Terrassa-12.jpg&quot;},{&quot;src&quot;:&quot;https:\\\/\\\/www.garciafaura.com\\\/wp-content\\\/uploads\\\/2023\\\/07\\\/Vapor-Cortes-Terrassa-11.jpg&quot;},{&quot;src&quot;:&quot;https:\\\/\\\/www.garciafaura.com\\\/wp-content\\\/uploads\\\/2023\\\/07\\\/Vapor-Cortes-Terrassa-10.jpg&quot;},{&quot;src&quot;:&quot;https:\\\/\\\/www.garciafaura.com\\\/wp-content\\\/uploads\\\/2023\\\/07\\\/Vapor-Cortes-Terrassa-9.jpg&quot;},{&quot;src&quot;:&quot;https:\\\/\\\/www.garciafaura.com\\\/wp-content\\\/uploads\\\/2023\\\/07\\\/Vapor-Cortes-Terrassa-8.jpg&quot;},{&quot;src&quot;:&quot;https:\\\/\\\/www.garciafaura.com\\\/wp-content\\\/uploads\\\/2023\\\/07\\\/Vapor-Cortes-Terrassa-7.jpg&quot;},{&quot;src&quot;:&quot;https:\\\/\\\/www.garciafaura.com\\\/wp-content\\\/uploads\\\/2023\\\/07\\\/Vapor-Cortes-Terrassa-6.jpg&quot;},{&quot;src&quot;:&quot;https:\\\/\\\/www.garciafaura.com\\\/wp-content\\\/uploads\\\/2023\\\/07\\\/Vapor-Cortes-Terrassa-5.jpg&quot;},{&quot;src&quot;:&quot;https:\\\/\\\/www.garciafaura.com\\\/wp-content\\\/uploads\\\/2023\\\/07\\\/Vapor-Cortes-Terrassa-4.jpg&quot;},{&quot;src&quot;:&quot;https:\\\/\\\/www.garciafaura.com\\\/wp-content\\\/uploads\\\/2023\\\/07\\\/Vapor-Cortes-Terrassa-3.jpg&quot;},{&quot;src&quot;:&quot;https:\\\/\\\/www.garciafaura.com\\\/wp-content\\\/uploads\\\/2023\\\/07\\\/Vapor-Cortes-Terrassa-2.jpg&quot;},{&quot;src&quot;:&quot;https:\\\/\\\/www.garciafaura.com\\\/wp-content\\\/uploads\\\/2023\\\/07\\\/Vapor-Cortes-Terrassa-1-scaled.jpg&quot;}]\"><img loading=\"lazy\" decoding=\"async\" data-no-lazy=\"1\" class=\"portfolio-entry-img skip-lazy\" src=\"https:\/\/www.garciafaura.com\/wp-content\/uploads\/2023\/07\/Vapor-Cortes-Terrassa-23-600x314.jpg\" alt='' data-no-retina width=\"600\" height=\"314\" \/><\/a><\/div><div class=\"portfolio-entry-details entry-details wpex-clr\"><h2 class=\"portfolio-entry-title entry-title\"><a href=\"https:\/\/www.garciafaura.com\/fr\/portfolio-item\/rehabilitacio-vapor-cortes\/\" title=\"R\u00e9habilitation Vapor Cort\u00e8s\">R\u00e9habilitation Vapor Cort\u00e8s<\/a><\/h2><div class=\"portfolio-entry-categories entry-categories wpex-clr\"><a href=\"https:\/\/www.garciafaura.com\/fr\/portfolio-category\/batiments-de-services\/\" class=\"term-75\">B\u00e2timents de Services<\/a><\/div><\/div><\/div><\/div><div class=\"portfolio-entry vcex-grid-item entry-has-details span_1_of_3 col col-3 vcex-isotope-entry vcex-no-margin-entry post-32153 entry type-portfolio has-media cat-75 cat-93 cat-95 cat-90 cat-101 translation_priority-5\"><div class=\"portfolio-entry-inner entry-inner wpex-clr\"><div class=\"portfolio-entry-media entry-media wpex-clr\"><a href=\"https:\/\/www.garciafaura.com\/wp-content\/uploads\/2023\/06\/Garcia-Faura-Edifici-Novartis-1.jpg\" title=\"R\u00e9novation du b\u00e2timent de Novartis\" class=\"portfolio-entry-media-link wpex-lightbox-gallery\" data-gallery=\"[{&quot;src&quot;:&quot;https:\\\/\\\/www.garciafaura.com\\\/wp-content\\\/uploads\\\/2023\\\/06\\\/Garcia-Faura-Edifici-Novartis-1.jpg&quot;,&quot;title&quot;:&quot;Garcia Faura Edifici Novartis&quot;},{&quot;src&quot;:&quot;https:\\\/\\\/www.garciafaura.com\\\/wp-content\\\/uploads\\\/2023\\\/06\\\/Garcia-Faura-Edifici-Novartis-42.jpg&quot;,&quot;title&quot;:&quot;Garcia Faura Edifici Novartis&quot;},{&quot;src&quot;:&quot;https:\\\/\\\/www.garciafaura.com\\\/wp-content\\\/uploads\\\/2023\\\/06\\\/Garcia-Faura-Edifici-Novartis-41.jpg&quot;,&quot;title&quot;:&quot;Garcia Faura Edifici Novartis&quot;},{&quot;src&quot;:&quot;https:\\\/\\\/www.garciafaura.com\\\/wp-content\\\/uploads\\\/2023\\\/06\\\/Garcia-Faura-Edifici-Novartis-40.jpg&quot;,&quot;title&quot;:&quot;Garcia Faura Edifici Novartis&quot;},{&quot;src&quot;:&quot;https:\\\/\\\/www.garciafaura.com\\\/wp-content\\\/uploads\\\/2023\\\/06\\\/Garcia-Faura-Edifici-Novartis-39.jpg&quot;,&quot;title&quot;:&quot;Garcia Faura Edifici Novartis&quot;},{&quot;src&quot;:&quot;https:\\\/\\\/www.garciafaura.com\\\/wp-content\\\/uploads\\\/2023\\\/06\\\/Garcia-Faura-Edifici-Novartis-38.jpg&quot;,&quot;title&quot;:&quot;Garcia Faura Edifici Novartis&quot;},{&quot;src&quot;:&quot;https:\\\/\\\/www.garciafaura.com\\\/wp-content\\\/uploads\\\/2023\\\/06\\\/Garcia-Faura-Edifici-Novartis-37.jpg&quot;,&quot;title&quot;:&quot;Garcia Faura Edifici Novartis&quot;},{&quot;src&quot;:&quot;https:\\\/\\\/www.garciafaura.com\\\/wp-content\\\/uploads\\\/2023\\\/06\\\/Garcia-Faura-Edifici-Novartis-36.jpg&quot;,&quot;title&quot;:&quot;Garcia Faura Edifici Novartis&quot;},{&quot;src&quot;:&quot;https:\\\/\\\/www.garciafaura.com\\\/wp-content\\\/uploads\\\/2023\\\/06\\\/Garcia-Faura-Edifici-Novartis-35.jpg&quot;,&quot;title&quot;:&quot;Garcia Faura Edifici Novartis&quot;},{&quot;src&quot;:&quot;https:\\\/\\\/www.garciafaura.com\\\/wp-content\\\/uploads\\\/2023\\\/06\\\/Garcia-Faura-Edifici-Novartis-34.jpg&quot;,&quot;title&quot;:&quot;Garcia Faura Edifici Novartis&quot;},{&quot;src&quot;:&quot;https:\\\/\\\/www.garciafaura.com\\\/wp-content\\\/uploads\\\/2023\\\/06\\\/Garcia-Faura-Edifici-Novartis-33.jpg&quot;,&quot;title&quot;:&quot;Garcia Faura Edifici Novartis&quot;},{&quot;src&quot;:&quot;https:\\\/\\\/www.garciafaura.com\\\/wp-content\\\/uploads\\\/2023\\\/06\\\/Garcia-Faura-Edifici-Novartis-32.jpg&quot;,&quot;title&quot;:&quot;Garcia Faura Edifici Novartis&quot;},{&quot;src&quot;:&quot;https:\\\/\\\/www.garciafaura.com\\\/wp-content\\\/uploads\\\/2023\\\/06\\\/Garcia-Faura-Edifici-Novartis-31.jpg&quot;,&quot;title&quot;:&quot;Garcia Faura Edifici Novartis&quot;},{&quot;src&quot;:&quot;https:\\\/\\\/www.garciafaura.com\\\/wp-content\\\/uploads\\\/2023\\\/06\\\/Garcia-Faura-Edifici-Novartis-30.jpg&quot;,&quot;title&quot;:&quot;Garcia Faura Edifici Novartis&quot;},{&quot;src&quot;:&quot;https:\\\/\\\/www.garciafaura.com\\\/wp-content\\\/uploads\\\/2023\\\/06\\\/Garcia-Faura-Edifici-Novartis-29.jpg&quot;,&quot;title&quot;:&quot;Garcia Faura Edifici Novartis&quot;},{&quot;src&quot;:&quot;https:\\\/\\\/www.garciafaura.com\\\/wp-content\\\/uploads\\\/2023\\\/06\\\/Garcia-Faura-Edifici-Novartis-28.jpg&quot;,&quot;title&quot;:&quot;Garcia Faura Edifici Novartis&quot;},{&quot;src&quot;:&quot;https:\\\/\\\/www.garciafaura.com\\\/wp-content\\\/uploads\\\/2023\\\/06\\\/Garcia-Faura-Edifici-Novartis-27.jpg&quot;,&quot;title&quot;:&quot;Garcia Faura Edifici Novartis&quot;},{&quot;src&quot;:&quot;https:\\\/\\\/www.garciafaura.com\\\/wp-content\\\/uploads\\\/2023\\\/06\\\/Garcia-Faura-Edifici-Novartis-26.jpg&quot;,&quot;title&quot;:&quot;Garcia Faura Edifici Novartis&quot;},{&quot;src&quot;:&quot;https:\\\/\\\/www.garciafaura.com\\\/wp-content\\\/uploads\\\/2023\\\/06\\\/Garcia-Faura-Edifici-Novartis-25.jpg&quot;,&quot;title&quot;:&quot;Garcia Faura Edifici Novartis&quot;},{&quot;src&quot;:&quot;https:\\\/\\\/www.garciafaura.com\\\/wp-content\\\/uploads\\\/2023\\\/06\\\/Garcia-Faura-Edifici-Novartis-24.jpg&quot;,&quot;title&quot;:&quot;Garcia Faura Edifici Novartis&quot;},{&quot;src&quot;:&quot;https:\\\/\\\/www.garciafaura.com\\\/wp-content\\\/uploads\\\/2023\\\/06\\\/Garcia-Faura-Edifici-Novartis-23.jpg&quot;,&quot;title&quot;:&quot;Garcia Faura Edifici Novartis&quot;},{&quot;src&quot;:&quot;https:\\\/\\\/www.garciafaura.com\\\/wp-content\\\/uploads\\\/2023\\\/06\\\/Garcia-Faura-Edifici-Novartis-22.jpg&quot;,&quot;title&quot;:&quot;Garcia Faura Edifici Novartis&quot;},{&quot;src&quot;:&quot;https:\\\/\\\/www.garciafaura.com\\\/wp-content\\\/uploads\\\/2023\\\/06\\\/Garcia-Faura-Edifici-Novartis-21.jpg&quot;,&quot;title&quot;:&quot;Garcia Faura Edifici Novartis&quot;},{&quot;src&quot;:&quot;https:\\\/\\\/www.garciafaura.com\\\/wp-content\\\/uploads\\\/2023\\\/06\\\/Garcia-Faura-Edifici-Novartis-20.jpg&quot;,&quot;title&quot;:&quot;Garcia Faura Edifici Novartis&quot;},{&quot;src&quot;:&quot;https:\\\/\\\/www.garciafaura.com\\\/wp-content\\\/uploads\\\/2023\\\/06\\\/Garcia-Faura-Edifici-Novartis-19.jpg&quot;,&quot;title&quot;:&quot;Garcia Faura Edifici Novartis&quot;},{&quot;src&quot;:&quot;https:\\\/\\\/www.garciafaura.com\\\/wp-content\\\/uploads\\\/2023\\\/06\\\/Garcia-Faura-Edifici-Novartis-18.jpg&quot;,&quot;title&quot;:&quot;Garcia Faura Edifici Novartis&quot;},{&quot;src&quot;:&quot;https:\\\/\\\/www.garciafaura.com\\\/wp-content\\\/uploads\\\/2023\\\/06\\\/Garcia-Faura-Edifici-Novartis-17.jpg&quot;,&quot;title&quot;:&quot;Garcia Faura Edifici Novartis&quot;},{&quot;src&quot;:&quot;https:\\\/\\\/www.garciafaura.com\\\/wp-content\\\/uploads\\\/2023\\\/06\\\/Garcia-Faura-Edifici-Novartis-16.jpg&quot;,&quot;title&quot;:&quot;Garcia Faura Edifici Novartis&quot;},{&quot;src&quot;:&quot;https:\\\/\\\/www.garciafaura.com\\\/wp-content\\\/uploads\\\/2023\\\/06\\\/Garcia-Faura-Edifici-Novartis-15.jpg&quot;,&quot;title&quot;:&quot;Garcia Faura Edifici Novartis&quot;},{&quot;src&quot;:&quot;https:\\\/\\\/www.garciafaura.com\\\/wp-content\\\/uploads\\\/2023\\\/06\\\/Garcia-Faura-Edifici-Novartis-14.jpg&quot;,&quot;title&quot;:&quot;Garcia Faura Edifici Novartis&quot;},{&quot;src&quot;:&quot;https:\\\/\\\/www.garciafaura.com\\\/wp-content\\\/uploads\\\/2023\\\/06\\\/Garcia-Faura-Edifici-Novartis-13.jpg&quot;,&quot;title&quot;:&quot;Garcia Faura Edifici Novartis&quot;},{&quot;src&quot;:&quot;https:\\\/\\\/www.garciafaura.com\\\/wp-content\\\/uploads\\\/2023\\\/06\\\/Garcia-Faura-Edifici-Novartis-12.jpg&quot;,&quot;title&quot;:&quot;Garcia Faura Edifici Novartis&quot;},{&quot;src&quot;:&quot;https:\\\/\\\/www.garciafaura.com\\\/wp-content\\\/uploads\\\/2023\\\/06\\\/Garcia-Faura-Edifici-Novartis-11.jpg&quot;,&quot;title&quot;:&quot;Garcia Faura Edifici Novartis&quot;},{&quot;src&quot;:&quot;https:\\\/\\\/www.garciafaura.com\\\/wp-content\\\/uploads\\\/2023\\\/06\\\/Garcia-Faura-Edifici-Novartis-10.jpg&quot;,&quot;title&quot;:&quot;Garcia Faura Edifici Novartis&quot;},{&quot;src&quot;:&quot;https:\\\/\\\/www.garciafaura.com\\\/wp-content\\\/uploads\\\/2023\\\/06\\\/Garcia-Faura-Edifici-Novartis-9.jpg&quot;,&quot;title&quot;:&quot;Garcia Faura Edifici Novartis&quot;},{&quot;src&quot;:&quot;https:\\\/\\\/www.garciafaura.com\\\/wp-content\\\/uploads\\\/2023\\\/06\\\/Garcia-Faura-Edifici-Novartis-8.jpg&quot;,&quot;title&quot;:&quot;Garcia Faura Edifici Novartis&quot;},{&quot;src&quot;:&quot;https:\\\/\\\/www.garciafaura.com\\\/wp-content\\\/uploads\\\/2023\\\/06\\\/Garcia-Faura-Edifici-Novartis-7.jpg&quot;,&quot;title&quot;:&quot;Garcia Faura Edifici Novartis&quot;},{&quot;src&quot;:&quot;https:\\\/\\\/www.garciafaura.com\\\/wp-content\\\/uploads\\\/2023\\\/06\\\/Garcia-Faura-Edifici-Novartis-6.jpg&quot;,&quot;title&quot;:&quot;Garcia Faura Edifici Novartis&quot;},{&quot;src&quot;:&quot;https:\\\/\\\/www.garciafaura.com\\\/wp-content\\\/uploads\\\/2023\\\/06\\\/Garcia-Faura-Edifici-Novartis-5.jpg&quot;,&quot;title&quot;:&quot;Garcia Faura Edifici Novartis&quot;},{&quot;src&quot;:&quot;https:\\\/\\\/www.garciafaura.com\\\/wp-content\\\/uploads\\\/2023\\\/06\\\/Garcia-Faura-Edifici-Novartis-4.jpg&quot;,&quot;title&quot;:&quot;Garcia Faura Edifici Novartis&quot;},{&quot;src&quot;:&quot;https:\\\/\\\/www.garciafaura.com\\\/wp-content\\\/uploads\\\/2023\\\/06\\\/Garcia-Faura-Edifici-Novartis-3.jpg&quot;,&quot;title&quot;:&quot;Garcia Faura Edifici Novartis&quot;},{&quot;src&quot;:&quot;https:\\\/\\\/www.garciafaura.com\\\/wp-content\\\/uploads\\\/2023\\\/06\\\/Garcia-Faura-Edifici-Novartis-2.jpg&quot;,&quot;title&quot;:&quot;Garcia Faura Edifici Novartis&quot;}]\"><img loading=\"lazy\" decoding=\"async\" data-no-lazy=\"1\" class=\"portfolio-entry-img skip-lazy\" src=\"https:\/\/www.garciafaura.com\/wp-content\/uploads\/2023\/06\/Garcia-Faura-Edifici-Novartis-1-600x314.jpg\" alt=\"Garcia Faura Edifici Novartis\" data-no-retina width=\"600\" height=\"314\" \/><\/a><\/div><div class=\"portfolio-entry-details entry-details wpex-clr\"><h2 class=\"portfolio-entry-title entry-title\"><a href=\"https:\/\/www.garciafaura.com\/fr\/portfolio-item\/rehabilitacio-edifici-novartis-gran-via\/\" title=\"R\u00e9novation du b\u00e2timent de Novartis\">R\u00e9novation du b\u00e2timent de Novartis<\/a><\/h2><div class=\"portfolio-entry-categories entry-categories wpex-clr\"><a href=\"https:\/\/www.garciafaura.com\/fr\/portfolio-category\/facades-remarquables\/\" class=\"term-95\">Fa\u00e7ades Remarquables<\/a><\/div><\/div><\/div><\/div><div class=\"portfolio-entry vcex-grid-item entry-has-details span_1_of_3 col col-1 vcex-isotope-entry vcex-no-margin-entry post-32134 entry type-portfolio has-media cat-75 cat-90 translation_priority-5\"><div class=\"portfolio-entry-inner entry-inner wpex-clr\"><div class=\"portfolio-entry-media entry-media wpex-clr\"><a href=\"https:\/\/www.garciafaura.com\/wp-content\/uploads\/2023\/06\/Dic-recer-Port-Barcelona-00.jpg\" title=\"R\u00e9habilitation dique du port olympique\" class=\"portfolio-entry-media-link wpex-lightbox-gallery\" data-gallery=\"[{&quot;src&quot;:&quot;https:\\\/\\\/www.garciafaura.com\\\/wp-content\\\/uploads\\\/2023\\\/06\\\/Dic-recer-Port-Barcelona-00.jpg&quot;},{&quot;src&quot;:&quot;https:\\\/\\\/www.garciafaura.com\\\/wp-content\\\/uploads\\\/2023\\\/06\\\/Dic-recer-Port-Barcelona-43.jpg&quot;},{&quot;src&quot;:&quot;https:\\\/\\\/www.garciafaura.com\\\/wp-content\\\/uploads\\\/2023\\\/06\\\/Dic-recer-Port-Barcelona-42.jpg&quot;},{&quot;src&quot;:&quot;https:\\\/\\\/www.garciafaura.com\\\/wp-content\\\/uploads\\\/2023\\\/06\\\/Dic-recer-Port-Barcelona-41.jpg&quot;},{&quot;src&quot;:&quot;https:\\\/\\\/www.garciafaura.com\\\/wp-content\\\/uploads\\\/2023\\\/06\\\/Dic-recer-Port-Barcelona-40.jpg&quot;},{&quot;src&quot;:&quot;https:\\\/\\\/www.garciafaura.com\\\/wp-content\\\/uploads\\\/2023\\\/06\\\/Dic-recer-Port-Barcelona-39.jpg&quot;},{&quot;src&quot;:&quot;https:\\\/\\\/www.garciafaura.com\\\/wp-content\\\/uploads\\\/2023\\\/06\\\/Dic-recer-Port-Barcelona-38.jpg&quot;},{&quot;src&quot;:&quot;https:\\\/\\\/www.garciafaura.com\\\/wp-content\\\/uploads\\\/2023\\\/06\\\/Dic-recer-Port-Barcelona-37.jpg&quot;},{&quot;src&quot;:&quot;https:\\\/\\\/www.garciafaura.com\\\/wp-content\\\/uploads\\\/2023\\\/06\\\/Dic-recer-Port-Barcelona-36.jpg&quot;},{&quot;src&quot;:&quot;https:\\\/\\\/www.garciafaura.com\\\/wp-content\\\/uploads\\\/2023\\\/06\\\/Dic-recer-Port-Barcelona-35.jpg&quot;},{&quot;src&quot;:&quot;https:\\\/\\\/www.garciafaura.com\\\/wp-content\\\/uploads\\\/2023\\\/06\\\/Dic-recer-Port-Barcelona-34.jpg&quot;},{&quot;src&quot;:&quot;https:\\\/\\\/www.garciafaura.com\\\/wp-content\\\/uploads\\\/2023\\\/06\\\/Dic-recer-Port-Barcelona-33.jpg&quot;},{&quot;src&quot;:&quot;https:\\\/\\\/www.garciafaura.com\\\/wp-content\\\/uploads\\\/2023\\\/06\\\/Dic-recer-Port-Barcelona-32.jpg&quot;},{&quot;src&quot;:&quot;https:\\\/\\\/www.garciafaura.com\\\/wp-content\\\/uploads\\\/2023\\\/06\\\/Dic-recer-Port-Barcelona-31.jpg&quot;},{&quot;src&quot;:&quot;https:\\\/\\\/www.garciafaura.com\\\/wp-content\\\/uploads\\\/2023\\\/06\\\/Dic-recer-Port-Barcelona-30.jpg&quot;},{&quot;src&quot;:&quot;https:\\\/\\\/www.garciafaura.com\\\/wp-content\\\/uploads\\\/2023\\\/06\\\/Dic-recer-Port-Barcelona-29.jpg&quot;},{&quot;src&quot;:&quot;https:\\\/\\\/www.garciafaura.com\\\/wp-content\\\/uploads\\\/2023\\\/06\\\/Dic-recer-Port-Barcelona-28.jpg&quot;},{&quot;src&quot;:&quot;https:\\\/\\\/www.garciafaura.com\\\/wp-content\\\/uploads\\\/2023\\\/06\\\/Dic-recer-Port-Barcelona-27.jpg&quot;},{&quot;src&quot;:&quot;https:\\\/\\\/www.garciafaura.com\\\/wp-content\\\/uploads\\\/2023\\\/06\\\/Dic-recer-Port-Barcelona-26.jpg&quot;},{&quot;src&quot;:&quot;https:\\\/\\\/www.garciafaura.com\\\/wp-content\\\/uploads\\\/2023\\\/06\\\/Dic-recer-Port-Barcelona-25.jpg&quot;},{&quot;src&quot;:&quot;https:\\\/\\\/www.garciafaura.com\\\/wp-content\\\/uploads\\\/2023\\\/06\\\/Dic-recer-Port-Barcelona-24.jpg&quot;},{&quot;src&quot;:&quot;https:\\\/\\\/www.garciafaura.com\\\/wp-content\\\/uploads\\\/2023\\\/06\\\/Dic-recer-Port-Barcelona-23.jpg&quot;},{&quot;src&quot;:&quot;https:\\\/\\\/www.garciafaura.com\\\/wp-content\\\/uploads\\\/2023\\\/06\\\/Dic-recer-Port-Barcelona-22.jpg&quot;},{&quot;src&quot;:&quot;https:\\\/\\\/www.garciafaura.com\\\/wp-content\\\/uploads\\\/2023\\\/06\\\/Dic-recer-Port-Barcelona-21.jpg&quot;},{&quot;src&quot;:&quot;https:\\\/\\\/www.garciafaura.com\\\/wp-content\\\/uploads\\\/2023\\\/06\\\/Dic-recer-Port-Barcelona-20.jpg&quot;},{&quot;src&quot;:&quot;https:\\\/\\\/www.garciafaura.com\\\/wp-content\\\/uploads\\\/2023\\\/06\\\/Dic-recer-Port-Barcelona-19.jpg&quot;},{&quot;src&quot;:&quot;https:\\\/\\\/www.garciafaura.com\\\/wp-content\\\/uploads\\\/2023\\\/06\\\/Dic-recer-Port-Barcelona-18.jpg&quot;},{&quot;src&quot;:&quot;https:\\\/\\\/www.garciafaura.com\\\/wp-content\\\/uploads\\\/2023\\\/06\\\/Dic-recer-Port-Barcelona-17.jpg&quot;},{&quot;src&quot;:&quot;https:\\\/\\\/www.garciafaura.com\\\/wp-content\\\/uploads\\\/2023\\\/06\\\/Dic-recer-Port-Barcelona-16.jpg&quot;},{&quot;src&quot;:&quot;https:\\\/\\\/www.garciafaura.com\\\/wp-content\\\/uploads\\\/2023\\\/06\\\/Dic-recer-Port-Barcelona-15.jpg&quot;},{&quot;src&quot;:&quot;https:\\\/\\\/www.garciafaura.com\\\/wp-content\\\/uploads\\\/2023\\\/06\\\/Dic-recer-Port-Barcelona-14.jpg&quot;},{&quot;src&quot;:&quot;https:\\\/\\\/www.garciafaura.com\\\/wp-content\\\/uploads\\\/2023\\\/06\\\/Dic-recer-Port-Barcelona-13.jpg&quot;},{&quot;src&quot;:&quot;https:\\\/\\\/www.garciafaura.com\\\/wp-content\\\/uploads\\\/2023\\\/06\\\/Dic-recer-Port-Barcelona-11.jpg&quot;},{&quot;src&quot;:&quot;https:\\\/\\\/www.garciafaura.com\\\/wp-content\\\/uploads\\\/2023\\\/06\\\/Dic-recer-Port-Barcelona-10.jpg&quot;},{&quot;src&quot;:&quot;https:\\\/\\\/www.garciafaura.com\\\/wp-content\\\/uploads\\\/2023\\\/06\\\/Dic-recer-Port-Barcelona-09.jpg&quot;},{&quot;src&quot;:&quot;https:\\\/\\\/www.garciafaura.com\\\/wp-content\\\/uploads\\\/2023\\\/06\\\/Dic-recer-Port-Barcelona-08.jpg&quot;},{&quot;src&quot;:&quot;https:\\\/\\\/www.garciafaura.com\\\/wp-content\\\/uploads\\\/2023\\\/06\\\/Dic-recer-Port-Barcelona-07.jpg&quot;},{&quot;src&quot;:&quot;https:\\\/\\\/www.garciafaura.com\\\/wp-content\\\/uploads\\\/2023\\\/06\\\/Dic-recer-Port-Barcelona-06.jpg&quot;},{&quot;src&quot;:&quot;https:\\\/\\\/www.garciafaura.com\\\/wp-content\\\/uploads\\\/2023\\\/06\\\/Dic-recer-Port-Barcelona-05.jpg&quot;},{&quot;src&quot;:&quot;https:\\\/\\\/www.garciafaura.com\\\/wp-content\\\/uploads\\\/2023\\\/06\\\/Dic-recer-Port-Barcelona-04.jpg&quot;},{&quot;src&quot;:&quot;https:\\\/\\\/www.garciafaura.com\\\/wp-content\\\/uploads\\\/2023\\\/06\\\/Dic-recer-Port-Barcelona-03.jpg&quot;},{&quot;src&quot;:&quot;https:\\\/\\\/www.garciafaura.com\\\/wp-content\\\/uploads\\\/2023\\\/06\\\/Dic-recer-Port-Barcelona-02.jpg&quot;},{&quot;src&quot;:&quot;https:\\\/\\\/www.garciafaura.com\\\/wp-content\\\/uploads\\\/2023\\\/06\\\/Dic-recer-Port-Barcelona-01.jpg&quot;}]\"><img loading=\"lazy\" decoding=\"async\" data-no-lazy=\"1\" class=\"portfolio-entry-img skip-lazy\" src=\"https:\/\/www.garciafaura.com\/wp-content\/uploads\/2023\/06\/Dic-recer-Port-Barcelona-00-600x314.jpg\" alt='' data-no-retina width=\"600\" height=\"314\" \/><\/a><\/div><div class=\"portfolio-entry-details entry-details wpex-clr\"><h2 class=\"portfolio-entry-title entry-title\"><a href=\"https:\/\/www.garciafaura.com\/fr\/portfolio-item\/rehabilitacio-del-dic-de-recer-del-port-olimpic-de-barcelona\/\" title=\"R\u00e9habilitation dique du port olympique\">R\u00e9habilitation dique du port olympique<\/a><\/h2><div class=\"portfolio-entry-categories entry-categories wpex-clr\"><a href=\"https:\/\/www.garciafaura.com\/fr\/portfolio-category\/batiments-de-services\/\" class=\"term-75\">B\u00e2timents de Services<\/a><\/div><\/div><\/div><\/div><div class=\"portfolio-entry vcex-grid-item entry-has-details span_1_of_3 col col-2 vcex-isotope-entry vcex-no-margin-entry post-31941 entry type-portfolio has-media cat-75 cat-77 cat-90 translation_priority-5\"><div class=\"portfolio-entry-inner entry-inner wpex-clr\"><div class=\"portfolio-entry-media entry-media wpex-clr\"><a href=\"https:\/\/www.garciafaura.com\/wp-content\/uploads\/2023\/04\/Habitatges-residencia-carrer-Mallorca-14.jpg\" title=\"Logement et r\u00e9sidence Mallorca 234\" class=\"portfolio-entry-media-link wpex-lightbox-gallery\" data-gallery=\"[{&quot;src&quot;:&quot;https:\\\/\\\/www.garciafaura.com\\\/wp-content\\\/uploads\\\/2023\\\/04\\\/Habitatges-residencia-carrer-Mallorca-14.jpg&quot;,&quot;title&quot;:&quot;GARCIA FAURA&quot;},{&quot;src&quot;:&quot;https:\\\/\\\/www.garciafaura.com\\\/wp-content\\\/uploads\\\/2023\\\/04\\\/Habitatges-residencia-carrer-Mallorca-32.jpg&quot;,&quot;title&quot;:&quot;GARCIA FAURA&quot;},{&quot;src&quot;:&quot;https:\\\/\\\/www.garciafaura.com\\\/wp-content\\\/uploads\\\/2023\\\/04\\\/Habitatges-residencia-carrer-Mallorca-31.jpg&quot;,&quot;title&quot;:&quot;GARCIA FAURA&quot;},{&quot;src&quot;:&quot;https:\\\/\\\/www.garciafaura.com\\\/wp-content\\\/uploads\\\/2023\\\/04\\\/Habitatges-residencia-carrer-Mallorca-30.jpg&quot;,&quot;title&quot;:&quot;GARCIA FAURA&quot;},{&quot;src&quot;:&quot;https:\\\/\\\/www.garciafaura.com\\\/wp-content\\\/uploads\\\/2023\\\/04\\\/Habitatges-residencia-carrer-Mallorca-29.jpg&quot;,&quot;title&quot;:&quot;GARCIA FAURA&quot;},{&quot;src&quot;:&quot;https:\\\/\\\/www.garciafaura.com\\\/wp-content\\\/uploads\\\/2023\\\/04\\\/Habitatges-residencia-carrer-Mallorca-28.jpg&quot;,&quot;title&quot;:&quot;GARCIA FAURA&quot;},{&quot;src&quot;:&quot;https:\\\/\\\/www.garciafaura.com\\\/wp-content\\\/uploads\\\/2023\\\/04\\\/Habitatges-residencia-carrer-Mallorca-27.jpg&quot;,&quot;title&quot;:&quot;GARCIA FAURA&quot;},{&quot;src&quot;:&quot;https:\\\/\\\/www.garciafaura.com\\\/wp-content\\\/uploads\\\/2023\\\/04\\\/Habitatges-residencia-carrer-Mallorca-26.jpg&quot;,&quot;title&quot;:&quot;GARCIA FAURA&quot;},{&quot;src&quot;:&quot;https:\\\/\\\/www.garciafaura.com\\\/wp-content\\\/uploads\\\/2023\\\/04\\\/Habitatges-residencia-carrer-Mallorca-25.jpg&quot;,&quot;title&quot;:&quot;GARCIA FAURA&quot;},{&quot;src&quot;:&quot;https:\\\/\\\/www.garciafaura.com\\\/wp-content\\\/uploads\\\/2023\\\/04\\\/Habitatges-residencia-carrer-Mallorca-24.jpg&quot;,&quot;title&quot;:&quot;GARCIA FAURA&quot;},{&quot;src&quot;:&quot;https:\\\/\\\/www.garciafaura.com\\\/wp-content\\\/uploads\\\/2023\\\/04\\\/Habitatges-residencia-carrer-Mallorca-23.jpg&quot;,&quot;title&quot;:&quot;GARCIA FAURA&quot;},{&quot;src&quot;:&quot;https:\\\/\\\/www.garciafaura.com\\\/wp-content\\\/uploads\\\/2023\\\/04\\\/Habitatges-residencia-carrer-Mallorca-22.jpg&quot;,&quot;title&quot;:&quot;GARCIA FAURA&quot;},{&quot;src&quot;:&quot;https:\\\/\\\/www.garciafaura.com\\\/wp-content\\\/uploads\\\/2023\\\/04\\\/Habitatges-residencia-carrer-Mallorca-21.jpg&quot;,&quot;title&quot;:&quot;GARCIA FAURA&quot;},{&quot;src&quot;:&quot;https:\\\/\\\/www.garciafaura.com\\\/wp-content\\\/uploads\\\/2023\\\/04\\\/Habitatges-residencia-carrer-Mallorca-19.jpg&quot;,&quot;title&quot;:&quot;GARCIA FAURA&quot;},{&quot;src&quot;:&quot;https:\\\/\\\/www.garciafaura.com\\\/wp-content\\\/uploads\\\/2023\\\/04\\\/Habitatges-residencia-carrer-Mallorca-20.jpg&quot;,&quot;title&quot;:&quot;GARCIA FAURA&quot;},{&quot;src&quot;:&quot;https:\\\/\\\/www.garciafaura.com\\\/wp-content\\\/uploads\\\/2023\\\/04\\\/Habitatges-residencia-carrer-Mallorca-18.jpg&quot;,&quot;title&quot;:&quot;GARCIA FAURA&quot;},{&quot;src&quot;:&quot;https:\\\/\\\/www.garciafaura.com\\\/wp-content\\\/uploads\\\/2023\\\/04\\\/Habitatges-residencia-carrer-Mallorca-17.jpg&quot;,&quot;title&quot;:&quot;GARCIA FAURA&quot;},{&quot;src&quot;:&quot;https:\\\/\\\/www.garciafaura.com\\\/wp-content\\\/uploads\\\/2023\\\/04\\\/Habitatges-residencia-carrer-Mallorca-16.jpg&quot;,&quot;title&quot;:&quot;GARCIA FAURA&quot;},{&quot;src&quot;:&quot;https:\\\/\\\/www.garciafaura.com\\\/wp-content\\\/uploads\\\/2023\\\/04\\\/Habitatges-residencia-carrer-Mallorca-15.jpg&quot;,&quot;title&quot;:&quot;GARCIA FAURA&quot;},{&quot;src&quot;:&quot;https:\\\/\\\/www.garciafaura.com\\\/wp-content\\\/uploads\\\/2023\\\/04\\\/Habitatges-residencia-carrer-Mallorca-13.jpg&quot;,&quot;title&quot;:&quot;GARCIA FAURA&quot;},{&quot;src&quot;:&quot;https:\\\/\\\/www.garciafaura.com\\\/wp-content\\\/uploads\\\/2023\\\/04\\\/Habitatges-residencia-carrer-Mallorca-12.jpg&quot;,&quot;title&quot;:&quot;GARCIA FAURA&quot;},{&quot;src&quot;:&quot;https:\\\/\\\/www.garciafaura.com\\\/wp-content\\\/uploads\\\/2023\\\/04\\\/Habitatges-residencia-carrer-Mallorca-11.jpg&quot;,&quot;title&quot;:&quot;GARCIA FAURA&quot;},{&quot;src&quot;:&quot;https:\\\/\\\/www.garciafaura.com\\\/wp-content\\\/uploads\\\/2023\\\/04\\\/Habitatges-residencia-carrer-Mallorca-10.jpg&quot;,&quot;title&quot;:&quot;GARCIA FAURA&quot;},{&quot;src&quot;:&quot;https:\\\/\\\/www.garciafaura.com\\\/wp-content\\\/uploads\\\/2023\\\/04\\\/Habitatges-residencia-carrer-Mallorca-9.jpg&quot;,&quot;title&quot;:&quot;GARCIA FAURA&quot;},{&quot;src&quot;:&quot;https:\\\/\\\/www.garciafaura.com\\\/wp-content\\\/uploads\\\/2023\\\/04\\\/Habitatges-residencia-carrer-Mallorca-8.jpg&quot;,&quot;title&quot;:&quot;GARCIA FAURA&quot;},{&quot;src&quot;:&quot;https:\\\/\\\/www.garciafaura.com\\\/wp-content\\\/uploads\\\/2023\\\/04\\\/Habitatges-residencia-carrer-Mallorca-7.jpg&quot;,&quot;title&quot;:&quot;GARCIA FAURA&quot;},{&quot;src&quot;:&quot;https:\\\/\\\/www.garciafaura.com\\\/wp-content\\\/uploads\\\/2023\\\/04\\\/Habitatges-residencia-carrer-Mallorca-6.jpg&quot;,&quot;title&quot;:&quot;GARCIA FAURA&quot;},{&quot;src&quot;:&quot;https:\\\/\\\/www.garciafaura.com\\\/wp-content\\\/uploads\\\/2023\\\/04\\\/Habitatges-residencia-carrer-Mallorca-5.jpg&quot;,&quot;title&quot;:&quot;GARCIA FAURA&quot;},{&quot;src&quot;:&quot;https:\\\/\\\/www.garciafaura.com\\\/wp-content\\\/uploads\\\/2023\\\/04\\\/Habitatges-residencia-carrer-Mallorca-4.jpg&quot;,&quot;title&quot;:&quot;GARCIA FAURA&quot;},{&quot;src&quot;:&quot;https:\\\/\\\/www.garciafaura.com\\\/wp-content\\\/uploads\\\/2023\\\/04\\\/Habitatges-residencia-carrer-Mallorca-3.jpg&quot;,&quot;title&quot;:&quot;GARCIA FAURA&quot;},{&quot;src&quot;:&quot;https:\\\/\\\/www.garciafaura.com\\\/wp-content\\\/uploads\\\/2023\\\/04\\\/Habitatges-residencia-carrer-Mallorca-2.jpg&quot;,&quot;title&quot;:&quot;GARCIA FAURA&quot;},{&quot;src&quot;:&quot;https:\\\/\\\/www.garciafaura.com\\\/wp-content\\\/uploads\\\/2023\\\/04\\\/Habitatges-residencia-carrer-Mallorca-1.jpg&quot;,&quot;title&quot;:&quot;GARCIA FAURA&quot;}]\"><img loading=\"lazy\" decoding=\"async\" data-no-lazy=\"1\" class=\"portfolio-entry-img skip-lazy\" src=\"https:\/\/www.garciafaura.com\/wp-content\/uploads\/2023\/04\/Habitatges-residencia-carrer-Mallorca-14-600x314.jpg\" alt=\"GARCIA FAURA\" data-no-retina width=\"600\" height=\"314\" \/><\/a><\/div><div class=\"portfolio-entry-details entry-details wpex-clr\"><h2 class=\"portfolio-entry-title entry-title\"><a href=\"https:\/\/www.garciafaura.com\/fr\/portfolio-item\/habitatges-i-residencia-mallorca-234\/\" title=\"Logement et r\u00e9sidence Mallorca 234\">Logement et r\u00e9sidence Mallorca 234<\/a><\/h2><div class=\"portfolio-entry-categories entry-categories wpex-clr\"><a href=\"https:\/\/www.garciafaura.com\/fr\/portfolio-category\/ensembles-residentiels\/\" class=\"term-77\">Ensembles r\u00e9sidentiels<\/a><\/div><\/div><\/div><\/div><div class=\"portfolio-entry vcex-grid-item entry-has-details span_1_of_3 col col-3 vcex-isotope-entry vcex-no-margin-entry post-31254 entry type-portfolio has-media cat-93 cat-95 cat-94 cat-96 cat-90 cat-101 translation_priority-5\"><div class=\"portfolio-entry-inner entry-inner wpex-clr\"><div class=\"portfolio-entry-media entry-media wpex-clr\"><a href=\"https:\/\/www.garciafaura.com\/wp-content\/uploads\/2023\/02\/Hotel-NH-Calderon-50.jpg\" title=\"H\u00f4tel NH Calder\u00f3n\" class=\"portfolio-entry-media-link wpex-lightbox-gallery\" data-gallery=\"[{&quot;src&quot;:&quot;https:\\\/\\\/www.garciafaura.com\\\/wp-content\\\/uploads\\\/2023\\\/02\\\/Hotel-NH-Calderon-50.jpg&quot;},{&quot;src&quot;:&quot;https:\\\/\\\/www.garciafaura.com\\\/wp-content\\\/uploads\\\/2023\\\/02\\\/Hotel-NH-Calderon-1.jpg&quot;},{&quot;src&quot;:&quot;https:\\\/\\\/www.garciafaura.com\\\/wp-content\\\/uploads\\\/2023\\\/02\\\/Hotel-NH-Calderon-49.jpg&quot;},{&quot;src&quot;:&quot;https:\\\/\\\/www.garciafaura.com\\\/wp-content\\\/uploads\\\/2023\\\/02\\\/Hotel-NH-Calderon-48.jpg&quot;},{&quot;src&quot;:&quot;https:\\\/\\\/www.garciafaura.com\\\/wp-content\\\/uploads\\\/2023\\\/02\\\/Hotel-NH-Calderon-47.jpg&quot;},{&quot;src&quot;:&quot;https:\\\/\\\/www.garciafaura.com\\\/wp-content\\\/uploads\\\/2023\\\/02\\\/Hotel-NH-Calderon-46.jpg&quot;},{&quot;src&quot;:&quot;https:\\\/\\\/www.garciafaura.com\\\/wp-content\\\/uploads\\\/2023\\\/02\\\/Hotel-NH-Calderon-45.jpg&quot;},{&quot;src&quot;:&quot;https:\\\/\\\/www.garciafaura.com\\\/wp-content\\\/uploads\\\/2023\\\/02\\\/Hotel-NH-Calderon-44.jpg&quot;},{&quot;src&quot;:&quot;https:\\\/\\\/www.garciafaura.com\\\/wp-content\\\/uploads\\\/2023\\\/02\\\/Hotel-NH-Calderon-43.jpg&quot;},{&quot;src&quot;:&quot;https:\\\/\\\/www.garciafaura.com\\\/wp-content\\\/uploads\\\/2023\\\/02\\\/Hotel-NH-Calderon-42.jpg&quot;},{&quot;src&quot;:&quot;https:\\\/\\\/www.garciafaura.com\\\/wp-content\\\/uploads\\\/2023\\\/02\\\/Hotel-NH-Calderon-41.jpg&quot;},{&quot;src&quot;:&quot;https:\\\/\\\/www.garciafaura.com\\\/wp-content\\\/uploads\\\/2023\\\/02\\\/Hotel-NH-Calderon-40.jpg&quot;},{&quot;src&quot;:&quot;https:\\\/\\\/www.garciafaura.com\\\/wp-content\\\/uploads\\\/2023\\\/02\\\/Hotel-NH-Calderon-39.jpg&quot;},{&quot;src&quot;:&quot;https:\\\/\\\/www.garciafaura.com\\\/wp-content\\\/uploads\\\/2023\\\/02\\\/Hotel-NH-Calderon-38.jpg&quot;},{&quot;src&quot;:&quot;https:\\\/\\\/www.garciafaura.com\\\/wp-content\\\/uploads\\\/2023\\\/02\\\/Hotel-NH-Calderon-37.jpg&quot;},{&quot;src&quot;:&quot;https:\\\/\\\/www.garciafaura.com\\\/wp-content\\\/uploads\\\/2023\\\/02\\\/Hotel-NH-Calderon-36.jpg&quot;},{&quot;src&quot;:&quot;https:\\\/\\\/www.garciafaura.com\\\/wp-content\\\/uploads\\\/2023\\\/02\\\/Hotel-NH-Calderon-35.jpg&quot;},{&quot;src&quot;:&quot;https:\\\/\\\/www.garciafaura.com\\\/wp-content\\\/uploads\\\/2023\\\/02\\\/Hotel-NH-Calderon-34.jpg&quot;},{&quot;src&quot;:&quot;https:\\\/\\\/www.garciafaura.com\\\/wp-content\\\/uploads\\\/2023\\\/02\\\/Hotel-NH-Calderon-33.jpg&quot;},{&quot;src&quot;:&quot;https:\\\/\\\/www.garciafaura.com\\\/wp-content\\\/uploads\\\/2023\\\/02\\\/Hotel-NH-Calderon-32.jpg&quot;},{&quot;src&quot;:&quot;https:\\\/\\\/www.garciafaura.com\\\/wp-content\\\/uploads\\\/2023\\\/02\\\/Hotel-NH-Calderon-31.jpg&quot;},{&quot;src&quot;:&quot;https:\\\/\\\/www.garciafaura.com\\\/wp-content\\\/uploads\\\/2023\\\/02\\\/Hotel-NH-Calderon-30.jpg&quot;},{&quot;src&quot;:&quot;https:\\\/\\\/www.garciafaura.com\\\/wp-content\\\/uploads\\\/2023\\\/02\\\/Hotel-NH-Calderon-29.jpg&quot;},{&quot;src&quot;:&quot;https:\\\/\\\/www.garciafaura.com\\\/wp-content\\\/uploads\\\/2023\\\/02\\\/Hotel-NH-Calderon-28.jpg&quot;},{&quot;src&quot;:&quot;https:\\\/\\\/www.garciafaura.com\\\/wp-content\\\/uploads\\\/2023\\\/02\\\/Hotel-NH-Calderon-27.jpg&quot;},{&quot;src&quot;:&quot;https:\\\/\\\/www.garciafaura.com\\\/wp-content\\\/uploads\\\/2023\\\/02\\\/Hotel-NH-Calderon-26.jpg&quot;},{&quot;src&quot;:&quot;https:\\\/\\\/www.garciafaura.com\\\/wp-content\\\/uploads\\\/2023\\\/02\\\/Hotel-NH-Calderon-25.jpg&quot;},{&quot;src&quot;:&quot;https:\\\/\\\/www.garciafaura.com\\\/wp-content\\\/uploads\\\/2023\\\/02\\\/Hotel-NH-Calderon-24.jpg&quot;},{&quot;src&quot;:&quot;https:\\\/\\\/www.garciafaura.com\\\/wp-content\\\/uploads\\\/2023\\\/02\\\/Hotel-NH-Calderon-23.jpg&quot;},{&quot;src&quot;:&quot;https:\\\/\\\/www.garciafaura.com\\\/wp-content\\\/uploads\\\/2023\\\/02\\\/Hotel-NH-Calderon-22.jpg&quot;},{&quot;src&quot;:&quot;https:\\\/\\\/www.garciafaura.com\\\/wp-content\\\/uploads\\\/2023\\\/02\\\/Hotel-NH-Calderon-21.jpg&quot;},{&quot;src&quot;:&quot;https:\\\/\\\/www.garciafaura.com\\\/wp-content\\\/uploads\\\/2023\\\/02\\\/Hotel-NH-Calderon-20.jpg&quot;},{&quot;src&quot;:&quot;https:\\\/\\\/www.garciafaura.com\\\/wp-content\\\/uploads\\\/2023\\\/02\\\/Hotel-NH-Calderon-19.jpg&quot;},{&quot;src&quot;:&quot;https:\\\/\\\/www.garciafaura.com\\\/wp-content\\\/uploads\\\/2023\\\/02\\\/Hotel-NH-Calderon-18.jpg&quot;},{&quot;src&quot;:&quot;https:\\\/\\\/www.garciafaura.com\\\/wp-content\\\/uploads\\\/2023\\\/02\\\/Hotel-NH-Calderon-17.jpg&quot;},{&quot;src&quot;:&quot;https:\\\/\\\/www.garciafaura.com\\\/wp-content\\\/uploads\\\/2023\\\/02\\\/Hotel-NH-Calderon-16.jpg&quot;},{&quot;src&quot;:&quot;https:\\\/\\\/www.garciafaura.com\\\/wp-content\\\/uploads\\\/2023\\\/02\\\/Hotel-NH-Calderon-15.jpg&quot;},{&quot;src&quot;:&quot;https:\\\/\\\/www.garciafaura.com\\\/wp-content\\\/uploads\\\/2023\\\/02\\\/Hotel-NH-Calderon-14.jpg&quot;},{&quot;src&quot;:&quot;https:\\\/\\\/www.garciafaura.com\\\/wp-content\\\/uploads\\\/2023\\\/02\\\/Hotel-NH-Calderon-13.jpg&quot;},{&quot;src&quot;:&quot;https:\\\/\\\/www.garciafaura.com\\\/wp-content\\\/uploads\\\/2023\\\/02\\\/Hotel-NH-Calderon-12.jpg&quot;},{&quot;src&quot;:&quot;https:\\\/\\\/www.garciafaura.com\\\/wp-content\\\/uploads\\\/2023\\\/02\\\/Hotel-NH-Calderon-11.jpg&quot;},{&quot;src&quot;:&quot;https:\\\/\\\/www.garciafaura.com\\\/wp-content\\\/uploads\\\/2023\\\/02\\\/Hotel-NH-Calderon-10.jpg&quot;},{&quot;src&quot;:&quot;https:\\\/\\\/www.garciafaura.com\\\/wp-content\\\/uploads\\\/2023\\\/02\\\/Hotel-NH-Calderon-9.jpg&quot;},{&quot;src&quot;:&quot;https:\\\/\\\/www.garciafaura.com\\\/wp-content\\\/uploads\\\/2023\\\/02\\\/Hotel-NH-Calderon-8.jpg&quot;},{&quot;src&quot;:&quot;https:\\\/\\\/www.garciafaura.com\\\/wp-content\\\/uploads\\\/2023\\\/02\\\/Hotel-NH-Calderon-7.jpg&quot;},{&quot;src&quot;:&quot;https:\\\/\\\/www.garciafaura.com\\\/wp-content\\\/uploads\\\/2023\\\/02\\\/Hotel-NH-Calderon-6.jpg&quot;},{&quot;src&quot;:&quot;https:\\\/\\\/www.garciafaura.com\\\/wp-content\\\/uploads\\\/2023\\\/02\\\/Hotel-NH-Calderon-5.jpg&quot;},{&quot;src&quot;:&quot;https:\\\/\\\/www.garciafaura.com\\\/wp-content\\\/uploads\\\/2023\\\/02\\\/Hotel-NH-Calderon-4.jpg&quot;},{&quot;src&quot;:&quot;https:\\\/\\\/www.garciafaura.com\\\/wp-content\\\/uploads\\\/2023\\\/02\\\/Hotel-NH-Calderon-3.jpg&quot;},{&quot;src&quot;:&quot;https:\\\/\\\/www.garciafaura.com\\\/wp-content\\\/uploads\\\/2023\\\/02\\\/Hotel-NH-Calderon-2.jpg&quot;}]\"><img loading=\"lazy\" decoding=\"async\" data-no-lazy=\"1\" class=\"portfolio-entry-img skip-lazy\" src=\"https:\/\/www.garciafaura.com\/wp-content\/uploads\/2023\/02\/Hotel-NH-Calderon-50-600x314.jpg\" alt='' data-no-retina width=\"600\" height=\"314\" \/><\/a><\/div><div class=\"portfolio-entry-details entry-details wpex-clr\"><h2 class=\"portfolio-entry-title entry-title\"><a href=\"https:\/\/www.garciafaura.com\/fr\/portfolio-item\/hotel-nh-calderon\/\" title=\"H\u00f4tel NH Calder\u00f3n\">H\u00f4tel NH Calder\u00f3n<\/a><\/h2><div class=\"portfolio-entry-categories entry-categories wpex-clr\"><a href=\"https:\/\/www.garciafaura.com\/fr\/portfolio-category\/facades-fr\/\" class=\"term-93\">Fa\u00e7ades<\/a><\/div><\/div><\/div><\/div><div class=\"portfolio-entry vcex-grid-item entry-has-details span_1_of_3 col col-1 vcex-isotope-entry vcex-no-margin-entry post-31043 entry type-portfolio has-media cat-69 cat-90 translation_priority-5\"><div class=\"portfolio-entry-inner entry-inner wpex-clr\"><div class=\"portfolio-entry-media entry-media wpex-clr\"><a href=\"https:\/\/www.garciafaura.com\/wp-content\/uploads\/2022\/11\/Rehabilitacio-Diagonal-67-Barcelona-17.jpg\" title=\"R\u00e9habilitation bureaux Diagonal 67\" class=\"portfolio-entry-media-link wpex-lightbox-gallery\" data-gallery=\"[{&quot;src&quot;:&quot;https:\\\/\\\/www.garciafaura.com\\\/wp-content\\\/uploads\\\/2022\\\/11\\\/Rehabilitacio-Diagonal-67-Barcelona-30.jpg&quot;},{&quot;src&quot;:&quot;https:\\\/\\\/www.garciafaura.com\\\/wp-content\\\/uploads\\\/2022\\\/11\\\/Rehabilitacio-Diagonal-67-Barcelona-29.jpg&quot;},{&quot;src&quot;:&quot;https:\\\/\\\/www.garciafaura.com\\\/wp-content\\\/uploads\\\/2022\\\/11\\\/Rehabilitacio-Diagonal-67-Barcelona-28.jpg&quot;},{&quot;src&quot;:&quot;https:\\\/\\\/www.garciafaura.com\\\/wp-content\\\/uploads\\\/2022\\\/11\\\/Rehabilitacio-Diagonal-67-Barcelona-27.jpg&quot;},{&quot;src&quot;:&quot;https:\\\/\\\/www.garciafaura.com\\\/wp-content\\\/uploads\\\/2022\\\/11\\\/Rehabilitacio-Diagonal-67-Barcelona-26.jpg&quot;},{&quot;src&quot;:&quot;https:\\\/\\\/www.garciafaura.com\\\/wp-content\\\/uploads\\\/2022\\\/11\\\/Rehabilitacio-Diagonal-67-Barcelona-25.jpg&quot;},{&quot;src&quot;:&quot;https:\\\/\\\/www.garciafaura.com\\\/wp-content\\\/uploads\\\/2022\\\/11\\\/Rehabilitacio-Diagonal-67-Barcelona-24.jpg&quot;},{&quot;src&quot;:&quot;https:\\\/\\\/www.garciafaura.com\\\/wp-content\\\/uploads\\\/2022\\\/11\\\/Rehabilitacio-Diagonal-67-Barcelona-23.jpg&quot;},{&quot;src&quot;:&quot;https:\\\/\\\/www.garciafaura.com\\\/wp-content\\\/uploads\\\/2022\\\/11\\\/Rehabilitacio-Diagonal-67-Barcelona-22.jpg&quot;},{&quot;src&quot;:&quot;https:\\\/\\\/www.garciafaura.com\\\/wp-content\\\/uploads\\\/2022\\\/11\\\/Rehabilitacio-Diagonal-67-Barcelona-21.jpg&quot;},{&quot;src&quot;:&quot;https:\\\/\\\/www.garciafaura.com\\\/wp-content\\\/uploads\\\/2022\\\/11\\\/Rehabilitacio-Diagonal-67-Barcelona-20.jpg&quot;},{&quot;src&quot;:&quot;https:\\\/\\\/www.garciafaura.com\\\/wp-content\\\/uploads\\\/2022\\\/11\\\/Rehabilitacio-Diagonal-67-Barcelona-19.jpg&quot;},{&quot;src&quot;:&quot;https:\\\/\\\/www.garciafaura.com\\\/wp-content\\\/uploads\\\/2022\\\/11\\\/Rehabilitacio-Diagonal-67-Barcelona-18.jpg&quot;},{&quot;src&quot;:&quot;https:\\\/\\\/www.garciafaura.com\\\/wp-content\\\/uploads\\\/2022\\\/11\\\/Rehabilitacio-Diagonal-67-Barcelona-17.jpg&quot;},{&quot;src&quot;:&quot;https:\\\/\\\/www.garciafaura.com\\\/wp-content\\\/uploads\\\/2022\\\/11\\\/Rehabilitacio-Diagonal-67-Barcelona-16.jpg&quot;},{&quot;src&quot;:&quot;https:\\\/\\\/www.garciafaura.com\\\/wp-content\\\/uploads\\\/2022\\\/11\\\/Rehabilitacio-Diagonal-67-Barcelona-15.jpg&quot;},{&quot;src&quot;:&quot;https:\\\/\\\/www.garciafaura.com\\\/wp-content\\\/uploads\\\/2022\\\/11\\\/Rehabilitacio-Diagonal-67-Barcelona-14.jpg&quot;},{&quot;src&quot;:&quot;https:\\\/\\\/www.garciafaura.com\\\/wp-content\\\/uploads\\\/2022\\\/11\\\/Rehabilitacio-Diagonal-67-Barcelona-13.jpg&quot;},{&quot;src&quot;:&quot;https:\\\/\\\/www.garciafaura.com\\\/wp-content\\\/uploads\\\/2022\\\/11\\\/Rehabilitacio-Diagonal-67-Barcelona-12.jpg&quot;},{&quot;src&quot;:&quot;https:\\\/\\\/www.garciafaura.com\\\/wp-content\\\/uploads\\\/2022\\\/11\\\/Rehabilitacio-Diagonal-67-Barcelona-11.jpg&quot;},{&quot;src&quot;:&quot;https:\\\/\\\/www.garciafaura.com\\\/wp-content\\\/uploads\\\/2022\\\/11\\\/Rehabilitacio-Diagonal-67-Barcelona-10.jpg&quot;},{&quot;src&quot;:&quot;https:\\\/\\\/www.garciafaura.com\\\/wp-content\\\/uploads\\\/2022\\\/11\\\/Rehabilitacio-Diagonal-67-Barcelona-09.jpg&quot;},{&quot;src&quot;:&quot;https:\\\/\\\/www.garciafaura.com\\\/wp-content\\\/uploads\\\/2022\\\/11\\\/Rehabilitacio-Diagonal-67-Barcelona-08.jpg&quot;},{&quot;src&quot;:&quot;https:\\\/\\\/www.garciafaura.com\\\/wp-content\\\/uploads\\\/2022\\\/11\\\/Rehabilitacio-Diagonal-67-Barcelona-07.jpg&quot;},{&quot;src&quot;:&quot;https:\\\/\\\/www.garciafaura.com\\\/wp-content\\\/uploads\\\/2022\\\/11\\\/Rehabilitacio-Diagonal-67-Barcelona-06.jpg&quot;},{&quot;src&quot;:&quot;https:\\\/\\\/www.garciafaura.com\\\/wp-content\\\/uploads\\\/2022\\\/11\\\/Rehabilitacio-Diagonal-67-Barcelona-05.jpg&quot;},{&quot;src&quot;:&quot;https:\\\/\\\/www.garciafaura.com\\\/wp-content\\\/uploads\\\/2022\\\/11\\\/Rehabilitacio-Diagonal-67-Barcelona-04.jpg&quot;},{&quot;src&quot;:&quot;https:\\\/\\\/www.garciafaura.com\\\/wp-content\\\/uploads\\\/2022\\\/11\\\/Rehabilitacio-Diagonal-67-Barcelona-03.jpg&quot;},{&quot;src&quot;:&quot;https:\\\/\\\/www.garciafaura.com\\\/wp-content\\\/uploads\\\/2022\\\/11\\\/Rehabilitacio-Diagonal-67-Barcelona-02.jpg&quot;},{&quot;src&quot;:&quot;https:\\\/\\\/www.garciafaura.com\\\/wp-content\\\/uploads\\\/2022\\\/11\\\/Rehabilitacio-Diagonal-67-Barcelona-01.jpg&quot;}]\"><img loading=\"lazy\" decoding=\"async\" data-no-lazy=\"1\" class=\"portfolio-entry-img skip-lazy\" src=\"https:\/\/www.garciafaura.com\/wp-content\/uploads\/2022\/11\/Rehabilitacio-Diagonal-67-Barcelona-17-600x314.jpg\" alt='' data-no-retina width=\"600\" height=\"314\" \/><\/a><\/div><div class=\"portfolio-entry-details entry-details wpex-clr\"><h2 class=\"portfolio-entry-title entry-title\"><a href=\"https:\/\/www.garciafaura.com\/fr\/portfolio-item\/rehabilitacio-oficines-diagonal-67\/\" title=\"R\u00e9habilitation bureaux Diagonal 67\">R\u00e9habilitation bureaux Diagonal 67<\/a><\/h2><div class=\"portfolio-entry-categories entry-categories wpex-clr\"><a href=\"https:\/\/www.garciafaura.com\/fr\/portfolio-category\/batiments-corporatifs\/\" class=\"term-69\">B\u00e2timents Corporatifs<\/a><\/div><\/div><\/div><\/div><div class=\"portfolio-entry vcex-grid-item entry-has-details span_1_of_3 col col-2 vcex-isotope-entry vcex-no-margin-entry post-30710 entry type-portfolio has-media cat-93 cat-95 cat-90 cat-101 translation_priority-5\"><div class=\"portfolio-entry-inner entry-inner wpex-clr\"><div class=\"portfolio-entry-media entry-media wpex-clr\"><a href=\"https:\/\/www.garciafaura.com\/wp-content\/uploads\/2022\/11\/NaturgyMadrid02.jpg\" title=\"R\u00e9novation du si\u00e8ge de Naturgy Madrid\" class=\"portfolio-entry-media-link wpex-lightbox-gallery\" data-gallery=\"[{&quot;src&quot;:&quot;https:\\\/\\\/www.garciafaura.com\\\/wp-content\\\/uploads\\\/2022\\\/11\\\/NaturgyMadrid02.jpg&quot;},{&quot;src&quot;:&quot;https:\\\/\\\/www.garciafaura.com\\\/wp-content\\\/uploads\\\/2022\\\/11\\\/NaturgyMadrid01.jpg&quot;},{&quot;src&quot;:&quot;https:\\\/\\\/www.garciafaura.com\\\/wp-content\\\/uploads\\\/2022\\\/11\\\/NaturgyMadrid03.jpg&quot;}]\"><img loading=\"lazy\" decoding=\"async\" data-no-lazy=\"1\" class=\"portfolio-entry-img skip-lazy\" src=\"https:\/\/www.garciafaura.com\/wp-content\/uploads\/2022\/11\/NaturgyMadrid02-600x314.jpg\" alt='' data-no-retina width=\"600\" height=\"314\" \/><\/a><\/div><div class=\"portfolio-entry-details entry-details wpex-clr\"><h2 class=\"portfolio-entry-title entry-title\"><a href=\"https:\/\/www.garciafaura.com\/fr\/portfolio-item\/rehabilitacio-seu-naturgy-madrid\/\" title=\"R\u00e9novation du si\u00e8ge de Naturgy Madrid\">R\u00e9novation du si\u00e8ge de Naturgy Madrid<\/a><\/h2><div class=\"portfolio-entry-categories entry-categories wpex-clr\"><a href=\"https:\/\/www.garciafaura.com\/fr\/portfolio-category\/facades-fr\/\" class=\"term-93\">Fa\u00e7ades<\/a><\/div><\/div><\/div><\/div><div class=\"portfolio-entry vcex-grid-item entry-has-details span_1_of_3 col col-3 vcex-isotope-entry vcex-no-margin-entry post-29627 entry type-portfolio has-media cat-69 cat-102 cat-93 cat-95 cat-90 cat-101 translation_priority-5\"><div class=\"portfolio-entry-inner entry-inner wpex-clr\"><div class=\"portfolio-entry-media entry-media wpex-clr\"><a href=\"https:\/\/www.garciafaura.com\/wp-content\/uploads\/2022\/06\/Oficines-Balmes-89-05.jpg\" title=\"R\u00e9novation bureaux rue Balmes\" class=\"portfolio-entry-media-link wpex-lightbox-gallery\" data-gallery=\"[{&quot;src&quot;:&quot;https:\\\/\\\/www.garciafaura.com\\\/wp-content\\\/uploads\\\/2022\\\/06\\\/Oficines-Balmes-89-06.jpg&quot;},{&quot;src&quot;:&quot;https:\\\/\\\/www.garciafaura.com\\\/wp-content\\\/uploads\\\/2022\\\/06\\\/Oficines-Balmes-89-01.jpg&quot;},{&quot;src&quot;:&quot;https:\\\/\\\/www.garciafaura.com\\\/wp-content\\\/uploads\\\/2022\\\/06\\\/Oficines-Balmes-89-31.jpg&quot;},{&quot;src&quot;:&quot;https:\\\/\\\/www.garciafaura.com\\\/wp-content\\\/uploads\\\/2022\\\/06\\\/Oficines-Balmes-89-30.jpg&quot;},{&quot;src&quot;:&quot;https:\\\/\\\/www.garciafaura.com\\\/wp-content\\\/uploads\\\/2022\\\/06\\\/Oficines-Balmes-89-29.jpg&quot;},{&quot;src&quot;:&quot;https:\\\/\\\/www.garciafaura.com\\\/wp-content\\\/uploads\\\/2022\\\/06\\\/Oficines-Balmes-89-28.jpg&quot;},{&quot;src&quot;:&quot;https:\\\/\\\/www.garciafaura.com\\\/wp-content\\\/uploads\\\/2022\\\/06\\\/Oficines-Balmes-89-27.jpg&quot;},{&quot;src&quot;:&quot;https:\\\/\\\/www.garciafaura.com\\\/wp-content\\\/uploads\\\/2022\\\/06\\\/Oficines-Balmes-89-26.jpg&quot;},{&quot;src&quot;:&quot;https:\\\/\\\/www.garciafaura.com\\\/wp-content\\\/uploads\\\/2022\\\/06\\\/Oficines-Balmes-89-25.jpg&quot;},{&quot;src&quot;:&quot;https:\\\/\\\/www.garciafaura.com\\\/wp-content\\\/uploads\\\/2022\\\/06\\\/Oficines-Balmes-89-24.jpg&quot;},{&quot;src&quot;:&quot;https:\\\/\\\/www.garciafaura.com\\\/wp-content\\\/uploads\\\/2022\\\/06\\\/Oficines-Balmes-89-23.jpg&quot;},{&quot;src&quot;:&quot;https:\\\/\\\/www.garciafaura.com\\\/wp-content\\\/uploads\\\/2022\\\/06\\\/Oficines-Balmes-89-22.jpg&quot;},{&quot;src&quot;:&quot;https:\\\/\\\/www.garciafaura.com\\\/wp-content\\\/uploads\\\/2022\\\/06\\\/Oficines-Balmes-89-21.jpg&quot;},{&quot;src&quot;:&quot;https:\\\/\\\/www.garciafaura.com\\\/wp-content\\\/uploads\\\/2022\\\/06\\\/Oficines-Balmes-89-20.jpg&quot;},{&quot;src&quot;:&quot;https:\\\/\\\/www.garciafaura.com\\\/wp-content\\\/uploads\\\/2022\\\/06\\\/Oficines-Balmes-89-19.jpg&quot;},{&quot;src&quot;:&quot;https:\\\/\\\/www.garciafaura.com\\\/wp-content\\\/uploads\\\/2022\\\/06\\\/Oficines-Balmes-89-18.jpg&quot;},{&quot;src&quot;:&quot;https:\\\/\\\/www.garciafaura.com\\\/wp-content\\\/uploads\\\/2022\\\/06\\\/Oficines-Balmes-89-17.jpg&quot;},{&quot;src&quot;:&quot;https:\\\/\\\/www.garciafaura.com\\\/wp-content\\\/uploads\\\/2022\\\/06\\\/Oficines-Balmes-89-16.jpg&quot;},{&quot;src&quot;:&quot;https:\\\/\\\/www.garciafaura.com\\\/wp-content\\\/uploads\\\/2022\\\/06\\\/Oficines-Balmes-89-15.jpg&quot;},{&quot;src&quot;:&quot;https:\\\/\\\/www.garciafaura.com\\\/wp-content\\\/uploads\\\/2022\\\/06\\\/Oficines-Balmes-89-14.jpg&quot;},{&quot;src&quot;:&quot;https:\\\/\\\/www.garciafaura.com\\\/wp-content\\\/uploads\\\/2022\\\/06\\\/Oficines-Balmes-89-13.jpg&quot;},{&quot;src&quot;:&quot;https:\\\/\\\/www.garciafaura.com\\\/wp-content\\\/uploads\\\/2022\\\/06\\\/Oficines-Balmes-89-12.jpg&quot;},{&quot;src&quot;:&quot;https:\\\/\\\/www.garciafaura.com\\\/wp-content\\\/uploads\\\/2022\\\/06\\\/Oficines-Balmes-89-11.jpg&quot;},{&quot;src&quot;:&quot;https:\\\/\\\/www.garciafaura.com\\\/wp-content\\\/uploads\\\/2022\\\/06\\\/Oficines-Balmes-89-10.jpg&quot;},{&quot;src&quot;:&quot;https:\\\/\\\/www.garciafaura.com\\\/wp-content\\\/uploads\\\/2022\\\/06\\\/Oficines-Balmes-89-09.jpg&quot;},{&quot;src&quot;:&quot;https:\\\/\\\/www.garciafaura.com\\\/wp-content\\\/uploads\\\/2022\\\/06\\\/Oficines-Balmes-89-08.jpg&quot;},{&quot;src&quot;:&quot;https:\\\/\\\/www.garciafaura.com\\\/wp-content\\\/uploads\\\/2022\\\/06\\\/Oficines-Balmes-89-07.jpg&quot;},{&quot;src&quot;:&quot;https:\\\/\\\/www.garciafaura.com\\\/wp-content\\\/uploads\\\/2022\\\/06\\\/Oficines-Balmes-89-05.jpg&quot;},{&quot;src&quot;:&quot;https:\\\/\\\/www.garciafaura.com\\\/wp-content\\\/uploads\\\/2022\\\/06\\\/Oficines-Balmes-89-04.jpg&quot;},{&quot;src&quot;:&quot;https:\\\/\\\/www.garciafaura.com\\\/wp-content\\\/uploads\\\/2022\\\/06\\\/Oficines-Balmes-89-03.jpg&quot;},{&quot;src&quot;:&quot;https:\\\/\\\/www.garciafaura.com\\\/wp-content\\\/uploads\\\/2022\\\/06\\\/Oficines-Balmes-89-02.jpg&quot;}]\"><img loading=\"lazy\" decoding=\"async\" data-no-lazy=\"1\" class=\"portfolio-entry-img skip-lazy\" src=\"https:\/\/www.garciafaura.com\/wp-content\/uploads\/2022\/06\/Oficines-Balmes-89-05-600x314.jpg\" alt='' data-no-retina width=\"600\" height=\"314\" \/><\/a><\/div><div class=\"portfolio-entry-details entry-details wpex-clr\"><h2 class=\"portfolio-entry-title entry-title\"><a href=\"https:\/\/www.garciafaura.com\/fr\/portfolio-item\/rehabilitacio-oficines-balmes\/\" title=\"R\u00e9novation bureaux rue Balmes\">R\u00e9novation bureaux rue Balmes<\/a><\/h2><div class=\"portfolio-entry-categories entry-categories wpex-clr\"><a href=\"https:\/\/www.garciafaura.com\/fr\/portfolio-category\/facades-remarquables\/\" class=\"term-95\">Fa\u00e7ades Remarquables<\/a><\/div><\/div><\/div><\/div><div class=\"portfolio-entry vcex-grid-item entry-has-details span_1_of_3 col col-1 vcex-isotope-entry vcex-no-margin-entry post-29364 entry type-portfolio has-media cat-69 cat-93 cat-90 cat-101 translation_priority-5\"><div class=\"portfolio-entry-inner entry-inner wpex-clr\"><div class=\"portfolio-entry-media entry-media wpex-clr\"><a href=\"https:\/\/www.garciafaura.com\/wp-content\/uploads\/2022\/05\/CerroGamos-03a.jpg\" title=\"R\u00e9habilitation Cerro de los Gamos\" class=\"portfolio-entry-media-link wpex-lightbox-gallery\" data-gallery=\"[{&quot;src&quot;:&quot;https:\\\/\\\/www.garciafaura.com\\\/wp-content\\\/uploads\\\/2022\\\/05\\\/CerroGamos-03a.jpg&quot;},{&quot;src&quot;:&quot;https:\\\/\\\/www.garciafaura.com\\\/wp-content\\\/uploads\\\/2022\\\/05\\\/CerroGamos-02a.jpg&quot;},{&quot;src&quot;:&quot;https:\\\/\\\/www.garciafaura.com\\\/wp-content\\\/uploads\\\/2022\\\/05\\\/CerroGamos-01a.jpg&quot;}]\"><img loading=\"lazy\" decoding=\"async\" data-no-lazy=\"1\" class=\"portfolio-entry-img skip-lazy\" src=\"https:\/\/www.garciafaura.com\/wp-content\/uploads\/2022\/05\/CerroGamos-03a-600x314.jpg\" alt='' data-no-retina width=\"600\" height=\"314\" \/><\/a><\/div><div class=\"portfolio-entry-details entry-details wpex-clr\"><h2 class=\"portfolio-entry-title entry-title\"><a href=\"https:\/\/www.garciafaura.com\/fr\/portfolio-item\/rehabilitacion-cerro-de-los-gamos\/\" title=\"R\u00e9habilitation Cerro de los Gamos\">R\u00e9habilitation Cerro de los Gamos<\/a><\/h2><div class=\"portfolio-entry-categories entry-categories wpex-clr\"><a href=\"https:\/\/www.garciafaura.com\/fr\/portfolio-category\/reamenagement\/\" class=\"term-90\">R\u00e9am\u00e9nagement<\/a><\/div><\/div><\/div><\/div><div class=\"portfolio-entry vcex-grid-item entry-has-details span_1_of_3 col col-2 vcex-isotope-entry vcex-no-margin-entry post-29023 entry type-portfolio has-media cat-69 cat-90 translation_priority-5\"><div class=\"portfolio-entry-inner entry-inner wpex-clr\"><div class=\"portfolio-entry-media entry-media wpex-clr\"><a href=\"https:\/\/www.garciafaura.com\/wp-content\/uploads\/2022\/02\/Oficines-Midtown-BCN-7.jpg\" title=\"R\u00e9habilitation Meridiana 38\" class=\"portfolio-entry-media-link wpex-lightbox-gallery\" data-gallery=\"[{&quot;src&quot;:&quot;https:\\\/\\\/www.garciafaura.com\\\/wp-content\\\/uploads\\\/2022\\\/02\\\/Oficines-Midtown-BCN-7.jpg&quot;},{&quot;src&quot;:&quot;https:\\\/\\\/www.garciafaura.com\\\/wp-content\\\/uploads\\\/2022\\\/02\\\/Oficines-Midtown-BCN-1.jpg&quot;},{&quot;src&quot;:&quot;https:\\\/\\\/www.garciafaura.com\\\/wp-content\\\/uploads\\\/2022\\\/02\\\/Oficines-Midtown-BCN-19.jpg&quot;},{&quot;src&quot;:&quot;https:\\\/\\\/www.garciafaura.com\\\/wp-content\\\/uploads\\\/2022\\\/02\\\/Oficines-Midtown-BCN-18.jpg&quot;},{&quot;src&quot;:&quot;https:\\\/\\\/www.garciafaura.com\\\/wp-content\\\/uploads\\\/2022\\\/02\\\/Oficines-Midtown-BCN-17.jpg&quot;},{&quot;src&quot;:&quot;https:\\\/\\\/www.garciafaura.com\\\/wp-content\\\/uploads\\\/2022\\\/02\\\/Oficines-Midtown-BCN-16.jpg&quot;},{&quot;src&quot;:&quot;https:\\\/\\\/www.garciafaura.com\\\/wp-content\\\/uploads\\\/2022\\\/02\\\/Oficines-Midtown-BCN-15.jpg&quot;},{&quot;src&quot;:&quot;https:\\\/\\\/www.garciafaura.com\\\/wp-content\\\/uploads\\\/2022\\\/02\\\/Oficines-Midtown-BCN-14.jpg&quot;},{&quot;src&quot;:&quot;https:\\\/\\\/www.garciafaura.com\\\/wp-content\\\/uploads\\\/2022\\\/02\\\/Oficines-Midtown-BCN-13.jpg&quot;},{&quot;src&quot;:&quot;https:\\\/\\\/www.garciafaura.com\\\/wp-content\\\/uploads\\\/2022\\\/02\\\/Oficines-Midtown-BCN-12.jpg&quot;},{&quot;src&quot;:&quot;https:\\\/\\\/www.garciafaura.com\\\/wp-content\\\/uploads\\\/2022\\\/02\\\/Oficines-Midtown-BCN-11.jpg&quot;},{&quot;src&quot;:&quot;https:\\\/\\\/www.garciafaura.com\\\/wp-content\\\/uploads\\\/2022\\\/02\\\/Oficines-Midtown-BCN-10.jpg&quot;},{&quot;src&quot;:&quot;https:\\\/\\\/www.garciafaura.com\\\/wp-content\\\/uploads\\\/2022\\\/02\\\/Oficines-Midtown-BCN-9.jpg&quot;},{&quot;src&quot;:&quot;https:\\\/\\\/www.garciafaura.com\\\/wp-content\\\/uploads\\\/2022\\\/02\\\/Oficines-Midtown-BCN-8.jpg&quot;},{&quot;src&quot;:&quot;https:\\\/\\\/www.garciafaura.com\\\/wp-content\\\/uploads\\\/2022\\\/02\\\/Oficines-Midtown-BCN-6.jpg&quot;},{&quot;src&quot;:&quot;https:\\\/\\\/www.garciafaura.com\\\/wp-content\\\/uploads\\\/2022\\\/02\\\/Oficines-Midtown-BCN-5.jpg&quot;},{&quot;src&quot;:&quot;https:\\\/\\\/www.garciafaura.com\\\/wp-content\\\/uploads\\\/2022\\\/02\\\/Oficines-Midtown-BCN-4.jpg&quot;},{&quot;src&quot;:&quot;https:\\\/\\\/www.garciafaura.com\\\/wp-content\\\/uploads\\\/2022\\\/02\\\/Oficines-Midtown-BCN-3.jpg&quot;},{&quot;src&quot;:&quot;https:\\\/\\\/www.garciafaura.com\\\/wp-content\\\/uploads\\\/2022\\\/02\\\/Oficines-Midtown-BCN-2.jpg&quot;},{&quot;src&quot;:&quot;https:\\\/\\\/www.garciafaura.com\\\/wp-content\\\/uploads\\\/2022\\\/02\\\/Oficines-Midtown-BCN-1-1.jpg&quot;}]\"><img loading=\"lazy\" decoding=\"async\" data-no-lazy=\"1\" class=\"portfolio-entry-img skip-lazy\" src=\"https:\/\/www.garciafaura.com\/wp-content\/uploads\/2022\/02\/Oficines-Midtown-BCN-7-600x314.jpg\" alt='' data-no-retina width=\"600\" height=\"314\" \/><\/a><\/div><div class=\"portfolio-entry-details entry-details wpex-clr\"><h2 class=\"portfolio-entry-title entry-title\"><a href=\"https:\/\/www.garciafaura.com\/fr\/portfolio-item\/rehabilitacio-meridiana-38\/\" title=\"R\u00e9habilitation Meridiana 38\">R\u00e9habilitation Meridiana 38<\/a><\/h2><div class=\"portfolio-entry-categories entry-categories wpex-clr\"><a href=\"https:\/\/www.garciafaura.com\/fr\/portfolio-category\/batiments-corporatifs\/\" class=\"term-69\">B\u00e2timents Corporatifs<\/a><\/div><\/div><\/div><\/div><div class=\"portfolio-entry vcex-grid-item entry-has-details span_1_of_3 col col-3 vcex-isotope-entry vcex-no-margin-entry post-28299 entry type-portfolio has-media cat-69 cat-93 cat-95 cat-90 cat-101 translation_priority-5\"><div class=\"portfolio-entry-inner entry-inner wpex-clr\"><div class=\"portfolio-entry-media entry-media wpex-clr\"><a href=\"https:\/\/www.garciafaura.com\/wp-content\/uploads\/2021\/08\/ViaPoblados-01a.jpg\" title=\"Bureaux V\u00eda de los Poblados\" class=\"portfolio-entry-media-link wpex-lightbox-gallery\" data-gallery=\"[{&quot;src&quot;:&quot;https:\\\/\\\/www.garciafaura.com\\\/wp-content\\\/uploads\\\/2021\\\/08\\\/ViaPoblados-01a.jpg&quot;},{&quot;src&quot;:&quot;https:\\\/\\\/www.garciafaura.com\\\/wp-content\\\/uploads\\\/2021\\\/08\\\/ViaPoblados-05a.jpg&quot;},{&quot;src&quot;:&quot;https:\\\/\\\/www.garciafaura.com\\\/wp-content\\\/uploads\\\/2021\\\/08\\\/ViaPoblados-04a.jpg&quot;},{&quot;src&quot;:&quot;https:\\\/\\\/www.garciafaura.com\\\/wp-content\\\/uploads\\\/2021\\\/08\\\/ViaPoblados-03a.jpg&quot;},{&quot;src&quot;:&quot;https:\\\/\\\/www.garciafaura.com\\\/wp-content\\\/uploads\\\/2021\\\/08\\\/ViaPoblados-06a.jpg&quot;}]\"><img loading=\"lazy\" decoding=\"async\" data-no-lazy=\"1\" class=\"portfolio-entry-img skip-lazy\" src=\"https:\/\/www.garciafaura.com\/wp-content\/uploads\/2021\/08\/ViaPoblados-01a-600x314.jpg\" alt='' data-no-retina width=\"600\" height=\"314\" \/><\/a><\/div><div class=\"portfolio-entry-details entry-details wpex-clr\"><h2 class=\"portfolio-entry-title entry-title\"><a href=\"https:\/\/www.garciafaura.com\/fr\/portfolio-item\/oficines-via-de-los-poblados\/\" title=\"Bureaux V\u00eda de los Poblados\">Bureaux V\u00eda de los Poblados<\/a><\/h2><div class=\"portfolio-entry-categories entry-categories wpex-clr\"><a href=\"https:\/\/www.garciafaura.com\/fr\/portfolio-category\/facades-remarquables\/\" class=\"term-95\">Fa\u00e7ades Remarquables<\/a><\/div><\/div><\/div><\/div><div class=\"portfolio-entry vcex-grid-item entry-has-details span_1_of_3 col col-1 vcex-isotope-entry vcex-no-margin-entry post-28115 entry type-portfolio has-media cat-90 cat-101 translation_priority-5\"><div class=\"portfolio-entry-inner entry-inner wpex-clr\"><div class=\"portfolio-entry-media entry-media wpex-clr\"><a href=\"https:\/\/www.garciafaura.com\/wp-content\/uploads\/2021\/08\/Rehabilitacio\u0301-Palau-Pascual-i-Pons-01.jpg\" title=\"R\u00e9habilitation Palais Pascual i Pons\" class=\"portfolio-entry-media-link wpex-lightbox-gallery\" data-gallery=\"[{&quot;src&quot;:&quot;https:\\\/\\\/www.garciafaura.com\\\/wp-content\\\/uploads\\\/2021\\\/08\\\/Rehabilitacio\\u0301-Palau-Pascual-i-Pons-01.jpg&quot;,&quot;title&quot;:&quot;Garcia Faura&quot;},{&quot;src&quot;:&quot;https:\\\/\\\/www.garciafaura.com\\\/wp-content\\\/uploads\\\/2021\\\/08\\\/Rehabilitacio\\u0301-Palau-Pascual-i-Pons-14.jpg&quot;,&quot;title&quot;:&quot;Garcia Faura&quot;},{&quot;src&quot;:&quot;https:\\\/\\\/www.garciafaura.com\\\/wp-content\\\/uploads\\\/2021\\\/08\\\/Rehabilitacio\\u0301-Palau-Pascual-i-Pons-13.jpg&quot;,&quot;title&quot;:&quot;Garcia Faura&quot;},{&quot;src&quot;:&quot;https:\\\/\\\/www.garciafaura.com\\\/wp-content\\\/uploads\\\/2021\\\/08\\\/Rehabilitacio\\u0301-Palau-Pascual-i-Pons-12.jpg&quot;,&quot;title&quot;:&quot;Garcia Faura&quot;},{&quot;src&quot;:&quot;https:\\\/\\\/www.garciafaura.com\\\/wp-content\\\/uploads\\\/2021\\\/08\\\/Rehabilitacio\\u0301-Palau-Pascual-i-Pons-11.jpg&quot;,&quot;title&quot;:&quot;Garcia Faura&quot;},{&quot;src&quot;:&quot;https:\\\/\\\/www.garciafaura.com\\\/wp-content\\\/uploads\\\/2021\\\/08\\\/Rehabilitacio\\u0301-Palau-Pascual-i-Pons-10.jpg&quot;,&quot;title&quot;:&quot;Garcia Faura&quot;},{&quot;src&quot;:&quot;https:\\\/\\\/www.garciafaura.com\\\/wp-content\\\/uploads\\\/2021\\\/08\\\/Rehabilitacio\\u0301-Palau-Pascual-i-Pons-09.jpg&quot;,&quot;title&quot;:&quot;Garcia Faura&quot;},{&quot;src&quot;:&quot;https:\\\/\\\/www.garciafaura.com\\\/wp-content\\\/uploads\\\/2021\\\/08\\\/Rehabilitacio\\u0301-Palau-Pascual-i-Pons-08.jpg&quot;,&quot;title&quot;:&quot;Garcia Faura&quot;},{&quot;src&quot;:&quot;https:\\\/\\\/www.garciafaura.com\\\/wp-content\\\/uploads\\\/2021\\\/08\\\/Rehabilitacio\\u0301-Palau-Pascual-i-Pons-07.jpg&quot;,&quot;title&quot;:&quot;Garcia Faura&quot;},{&quot;src&quot;:&quot;https:\\\/\\\/www.garciafaura.com\\\/wp-content\\\/uploads\\\/2021\\\/08\\\/Rehabilitacio\\u0301-Palau-Pascual-i-Pons-06.jpg&quot;,&quot;title&quot;:&quot;Garcia Faura&quot;},{&quot;src&quot;:&quot;https:\\\/\\\/www.garciafaura.com\\\/wp-content\\\/uploads\\\/2021\\\/08\\\/Rehabilitacio\\u0301-Palau-Pascual-i-Pons-05.jpg&quot;,&quot;title&quot;:&quot;Garcia Faura&quot;},{&quot;src&quot;:&quot;https:\\\/\\\/www.garciafaura.com\\\/wp-content\\\/uploads\\\/2021\\\/08\\\/Rehabilitacio\\u0301-Palau-Pascual-i-Pons-04.jpg&quot;,&quot;title&quot;:&quot;Garcia Faura&quot;},{&quot;src&quot;:&quot;https:\\\/\\\/www.garciafaura.com\\\/wp-content\\\/uploads\\\/2021\\\/08\\\/Rehabilitacio\\u0301-Palau-Pascual-i-Pons-03.jpg&quot;,&quot;title&quot;:&quot;Garcia Faura&quot;},{&quot;src&quot;:&quot;https:\\\/\\\/www.garciafaura.com\\\/wp-content\\\/uploads\\\/2021\\\/08\\\/Rehabilitacio\\u0301-Palau-Pascual-i-Pons-02.jpg&quot;,&quot;title&quot;:&quot;Garcia Faura&quot;}]\"><img loading=\"lazy\" decoding=\"async\" data-no-lazy=\"1\" class=\"portfolio-entry-img skip-lazy\" src=\"https:\/\/www.garciafaura.com\/wp-content\/uploads\/2021\/08\/Rehabilitacio\u0301-Palau-Pascual-i-Pons-01-600x314.jpg\" alt=\"Garcia Faura\" data-no-retina width=\"600\" height=\"314\" \/><\/a><\/div><div class=\"portfolio-entry-details entry-details wpex-clr\"><h2 class=\"portfolio-entry-title entry-title\"><a href=\"https:\/\/www.garciafaura.com\/fr\/portfolio-item\/rehabilitacion-palacio-pascual-i-pons\/\" title=\"R\u00e9habilitation Palais Pascual i Pons\">R\u00e9habilitation Palais Pascual i Pons<\/a><\/h2><div class=\"portfolio-entry-categories entry-categories wpex-clr\"><a href=\"https:\/\/www.garciafaura.com\/fr\/portfolio-category\/reamenagement\/\" class=\"term-90\">R\u00e9am\u00e9nagement<\/a><\/div><\/div><\/div><\/div><div class=\"portfolio-entry vcex-grid-item entry-has-details span_1_of_3 col col-2 vcex-isotope-entry vcex-no-margin-entry post-27492 entry type-portfolio has-media cat-69 cat-102 cat-93 cat-95 cat-90 cat-101 translation_priority-5\"><div class=\"portfolio-entry-inner entry-inner wpex-clr\"><div class=\"portfolio-entry-media entry-media wpex-clr\"><a href=\"https:\/\/www.garciafaura.com\/wp-content\/uploads\/2021\/05\/Oficines-Diagonal-530-28.jpg\" title=\"Immeuble de bureaux Diagonal 530\" class=\"portfolio-entry-media-link wpex-lightbox-gallery\" data-gallery=\"[{&quot;src&quot;:&quot;https:\\\/\\\/www.garciafaura.com\\\/wp-content\\\/uploads\\\/2021\\\/05\\\/Oficines-Diagonal-530-28.jpg&quot;},{&quot;src&quot;:&quot;https:\\\/\\\/www.garciafaura.com\\\/wp-content\\\/uploads\\\/2021\\\/05\\\/Oficines-Diagonal-530-35.jpg&quot;},{&quot;src&quot;:&quot;https:\\\/\\\/www.garciafaura.com\\\/wp-content\\\/uploads\\\/2021\\\/05\\\/Oficines-Diagonal-530-34.jpg&quot;},{&quot;src&quot;:&quot;https:\\\/\\\/www.garciafaura.com\\\/wp-content\\\/uploads\\\/2021\\\/05\\\/Oficines-Diagonal-530-33.jpg&quot;},{&quot;src&quot;:&quot;https:\\\/\\\/www.garciafaura.com\\\/wp-content\\\/uploads\\\/2021\\\/05\\\/Oficines-Diagonal-530-32.jpg&quot;},{&quot;src&quot;:&quot;https:\\\/\\\/www.garciafaura.com\\\/wp-content\\\/uploads\\\/2021\\\/05\\\/Oficines-Diagonal-530-31.jpg&quot;},{&quot;src&quot;:&quot;https:\\\/\\\/www.garciafaura.com\\\/wp-content\\\/uploads\\\/2021\\\/05\\\/Oficines-Diagonal-530-30.jpg&quot;},{&quot;src&quot;:&quot;https:\\\/\\\/www.garciafaura.com\\\/wp-content\\\/uploads\\\/2021\\\/05\\\/Oficines-Diagonal-530-29.jpg&quot;},{&quot;src&quot;:&quot;https:\\\/\\\/www.garciafaura.com\\\/wp-content\\\/uploads\\\/2021\\\/05\\\/Oficines-Diagonal-530-27.jpg&quot;},{&quot;src&quot;:&quot;https:\\\/\\\/www.garciafaura.com\\\/wp-content\\\/uploads\\\/2021\\\/05\\\/Oficines-Diagonal-530-26.jpg&quot;},{&quot;src&quot;:&quot;https:\\\/\\\/www.garciafaura.com\\\/wp-content\\\/uploads\\\/2021\\\/05\\\/Oficines-Diagonal-530-25.jpg&quot;},{&quot;src&quot;:&quot;https:\\\/\\\/www.garciafaura.com\\\/wp-content\\\/uploads\\\/2021\\\/05\\\/Oficines-Diagonal-530-24.jpg&quot;},{&quot;src&quot;:&quot;https:\\\/\\\/www.garciafaura.com\\\/wp-content\\\/uploads\\\/2021\\\/05\\\/Oficines-Diagonal-530-23.jpg&quot;},{&quot;src&quot;:&quot;https:\\\/\\\/www.garciafaura.com\\\/wp-content\\\/uploads\\\/2021\\\/05\\\/Oficines-Diagonal-530-22.jpg&quot;},{&quot;src&quot;:&quot;https:\\\/\\\/www.garciafaura.com\\\/wp-content\\\/uploads\\\/2021\\\/05\\\/Oficines-Diagonal-530-21.jpg&quot;},{&quot;src&quot;:&quot;https:\\\/\\\/www.garciafaura.com\\\/wp-content\\\/uploads\\\/2021\\\/05\\\/Oficines-Diagonal-530-20.jpg&quot;},{&quot;src&quot;:&quot;https:\\\/\\\/www.garciafaura.com\\\/wp-content\\\/uploads\\\/2021\\\/05\\\/Oficines-Diagonal-530-19.jpg&quot;},{&quot;src&quot;:&quot;https:\\\/\\\/www.garciafaura.com\\\/wp-content\\\/uploads\\\/2021\\\/05\\\/Oficines-Diagonal-530-18.jpg&quot;},{&quot;src&quot;:&quot;https:\\\/\\\/www.garciafaura.com\\\/wp-content\\\/uploads\\\/2021\\\/05\\\/Oficines-Diagonal-530-17.jpg&quot;},{&quot;src&quot;:&quot;https:\\\/\\\/www.garciafaura.com\\\/wp-content\\\/uploads\\\/2021\\\/05\\\/Oficines-Diagonal-530-16.jpg&quot;},{&quot;src&quot;:&quot;https:\\\/\\\/www.garciafaura.com\\\/wp-content\\\/uploads\\\/2021\\\/05\\\/Oficines-Diagonal-530-15.jpg&quot;},{&quot;src&quot;:&quot;https:\\\/\\\/www.garciafaura.com\\\/wp-content\\\/uploads\\\/2021\\\/05\\\/Oficines-Diagonal-530-14.jpg&quot;},{&quot;src&quot;:&quot;https:\\\/\\\/www.garciafaura.com\\\/wp-content\\\/uploads\\\/2021\\\/05\\\/Oficines-Diagonal-530-13.jpg&quot;},{&quot;src&quot;:&quot;https:\\\/\\\/www.garciafaura.com\\\/wp-content\\\/uploads\\\/2021\\\/05\\\/Oficines-Diagonal-530-12.jpg&quot;},{&quot;src&quot;:&quot;https:\\\/\\\/www.garciafaura.com\\\/wp-content\\\/uploads\\\/2021\\\/05\\\/Oficines-Diagonal-530-11.jpg&quot;},{&quot;src&quot;:&quot;https:\\\/\\\/www.garciafaura.com\\\/wp-content\\\/uploads\\\/2021\\\/05\\\/Oficines-Diagonal-530-10.jpg&quot;},{&quot;src&quot;:&quot;https:\\\/\\\/www.garciafaura.com\\\/wp-content\\\/uploads\\\/2021\\\/05\\\/Oficines-Diagonal-530-09.jpg&quot;},{&quot;src&quot;:&quot;https:\\\/\\\/www.garciafaura.com\\\/wp-content\\\/uploads\\\/2021\\\/05\\\/Oficines-Diagonal-530-08.jpg&quot;},{&quot;src&quot;:&quot;https:\\\/\\\/www.garciafaura.com\\\/wp-content\\\/uploads\\\/2021\\\/05\\\/Oficines-Diagonal-530-07.jpg&quot;},{&quot;src&quot;:&quot;https:\\\/\\\/www.garciafaura.com\\\/wp-content\\\/uploads\\\/2021\\\/05\\\/Oficines-Diagonal-530-06.jpg&quot;},{&quot;src&quot;:&quot;https:\\\/\\\/www.garciafaura.com\\\/wp-content\\\/uploads\\\/2021\\\/05\\\/Oficines-Diagonal-530-05.jpg&quot;},{&quot;src&quot;:&quot;https:\\\/\\\/www.garciafaura.com\\\/wp-content\\\/uploads\\\/2021\\\/05\\\/Oficines-Diagonal-530-04.jpg&quot;},{&quot;src&quot;:&quot;https:\\\/\\\/www.garciafaura.com\\\/wp-content\\\/uploads\\\/2021\\\/05\\\/Oficines-Diagonal-530-03.jpg&quot;},{&quot;src&quot;:&quot;https:\\\/\\\/www.garciafaura.com\\\/wp-content\\\/uploads\\\/2021\\\/05\\\/Oficines-Diagonal-530-02.jpg&quot;},{&quot;src&quot;:&quot;https:\\\/\\\/www.garciafaura.com\\\/wp-content\\\/uploads\\\/2021\\\/05\\\/Oficines-Diagonal-530-01.jpg&quot;}]\"><img loading=\"lazy\" decoding=\"async\" data-no-lazy=\"1\" class=\"portfolio-entry-img skip-lazy\" src=\"https:\/\/www.garciafaura.com\/wp-content\/uploads\/2021\/05\/Oficines-Diagonal-530-28-600x314.jpg\" alt='' data-no-retina width=\"600\" height=\"314\" \/><\/a><\/div><div class=\"portfolio-entry-details entry-details wpex-clr\"><h2 class=\"portfolio-entry-title entry-title\"><a href=\"https:\/\/www.garciafaura.com\/fr\/portfolio-item\/edifici-doficines-diagonal-532\/\" title=\"Immeuble de bureaux Diagonal 530\">Immeuble de bureaux Diagonal 530<\/a><\/h2><div class=\"portfolio-entry-categories entry-categories wpex-clr\"><a href=\"https:\/\/www.garciafaura.com\/fr\/portfolio-category\/facades-remarquables\/\" class=\"term-95\">Fa\u00e7ades Remarquables<\/a><\/div><\/div><\/div><\/div><div class=\"portfolio-entry vcex-grid-item entry-has-details span_1_of_3 col col-3 vcex-isotope-entry vcex-no-margin-entry post-24705 entry type-portfolio has-media cat-69 cat-93 cat-95 cat-90 cat-101 translation_priority-5\"><div class=\"portfolio-entry-inner entry-inner wpex-clr\"><div class=\"portfolio-entry-media entry-media wpex-clr\"><a href=\"https:\/\/www.garciafaura.com\/wp-content\/uploads\/2020\/01\/Rehabilitacio-Oficines-Diagonal-525-12.jpg\" title=\"R\u00e9habilitation Bureaux Diagonal 525\" class=\"portfolio-entry-media-link wpex-lightbox-gallery\" data-gallery=\"[{&quot;src&quot;:&quot;https:\\\/\\\/www.garciafaura.com\\\/wp-content\\\/uploads\\\/2020\\\/01\\\/Rehabilitacio-Oficines-Diagonal-525-12.jpg&quot;},{&quot;src&quot;:&quot;https:\\\/\\\/www.garciafaura.com\\\/wp-content\\\/uploads\\\/2020\\\/01\\\/Rehabilitacio-Oficines-Diagonal-525-11.jpg&quot;},{&quot;src&quot;:&quot;https:\\\/\\\/www.garciafaura.com\\\/wp-content\\\/uploads\\\/2020\\\/01\\\/Rehabilitacio-Oficines-Diagonal-525-10.jpg&quot;},{&quot;src&quot;:&quot;https:\\\/\\\/www.garciafaura.com\\\/wp-content\\\/uploads\\\/2020\\\/01\\\/Rehabilitacio-Oficines-Diagonal-525-09.jpg&quot;},{&quot;src&quot;:&quot;https:\\\/\\\/www.garciafaura.com\\\/wp-content\\\/uploads\\\/2020\\\/01\\\/Rehabilitacio-Oficines-Diagonal-525-08.jpg&quot;},{&quot;src&quot;:&quot;https:\\\/\\\/www.garciafaura.com\\\/wp-content\\\/uploads\\\/2020\\\/01\\\/Rehabilitacio-Oficines-Diagonal-525-07.jpg&quot;},{&quot;src&quot;:&quot;https:\\\/\\\/www.garciafaura.com\\\/wp-content\\\/uploads\\\/2020\\\/01\\\/Rehabilitacio-Oficines-Diagonal-525-06.jpg&quot;},{&quot;src&quot;:&quot;https:\\\/\\\/www.garciafaura.com\\\/wp-content\\\/uploads\\\/2020\\\/01\\\/Rehabilitacio-Oficines-Diagonal-525-05.jpg&quot;},{&quot;src&quot;:&quot;https:\\\/\\\/www.garciafaura.com\\\/wp-content\\\/uploads\\\/2020\\\/01\\\/Rehabilitacio-Oficines-Diagonal-525-04.jpg&quot;},{&quot;src&quot;:&quot;https:\\\/\\\/www.garciafaura.com\\\/wp-content\\\/uploads\\\/2020\\\/01\\\/Rehabilitacio-Oficines-Diagonal-525-03.jpg&quot;},{&quot;src&quot;:&quot;https:\\\/\\\/www.garciafaura.com\\\/wp-content\\\/uploads\\\/2020\\\/01\\\/Rehabilitacio-Oficines-Diagonal-525-02.jpg&quot;},{&quot;src&quot;:&quot;https:\\\/\\\/www.garciafaura.com\\\/wp-content\\\/uploads\\\/2020\\\/01\\\/Rehabilitacio-Oficines-Diagonal-525-01.jpg&quot;}]\"><img loading=\"lazy\" decoding=\"async\" data-no-lazy=\"1\" class=\"portfolio-entry-img skip-lazy\" src=\"https:\/\/www.garciafaura.com\/wp-content\/uploads\/2020\/01\/Rehabilitacio-Oficines-Diagonal-525-12-600x314.jpg\" alt='' data-no-retina width=\"600\" height=\"314\" \/><\/a><\/div><div class=\"portfolio-entry-details entry-details wpex-clr\"><h2 class=\"portfolio-entry-title entry-title\"><a href=\"https:\/\/www.garciafaura.com\/fr\/portfolio-item\/bureaux-diagonal-525\/\" title=\"R\u00e9habilitation Bureaux Diagonal 525\">R\u00e9habilitation Bureaux Diagonal 525<\/a><\/h2><div class=\"portfolio-entry-categories entry-categories wpex-clr\"><a href=\"https:\/\/www.garciafaura.com\/fr\/portfolio-category\/facades-remarquables\/\" class=\"term-95\">Fa\u00e7ades Remarquables<\/a><\/div><\/div><\/div><\/div><div class=\"portfolio-entry vcex-grid-item entry-has-details span_1_of_3 col col-1 vcex-isotope-entry vcex-no-margin-entry post-23908 entry type-portfolio has-media cat-75 cat-90 translation_priority-5\"><div class=\"portfolio-entry-inner entry-inner wpex-clr\"><div class=\"portfolio-entry-media entry-media wpex-clr\"><a href=\"https:\/\/www.garciafaura.com\/wp-content\/uploads\/2019\/10\/Ins-Marti-Pons-01.jpg\" title=\"Lyc\u00e9e Mart\u00ed Pous\" class=\"portfolio-entry-media-link wpex-lightbox-gallery\" data-gallery=\"[{&quot;src&quot;:&quot;https:\\\/\\\/www.garciafaura.com\\\/wp-content\\\/uploads\\\/2019\\\/10\\\/Ins-Marti-Pons-01.jpg&quot;,&quot;title&quot;:&quot;R\\u00e9habilitation d&#039;un ancien b\\u00e2timent industriel en vue de le transformer en un nouveau b\\u00e2timent \\u00e9ducatif dans l&#039;ensemble de l&#039;ancienne usine Fabra i Coats du quartier de Sant Andreu \\u00e0 Barcelone.&quot;},{&quot;src&quot;:&quot;https:\\\/\\\/www.garciafaura.com\\\/wp-content\\\/uploads\\\/2019\\\/10\\\/Ins-Marti-Pons-13.jpg&quot;,&quot;title&quot;:&quot;R\\u00e9habilitation d&#039;un ancien b\\u00e2timent industriel en vue de le transformer en un nouveau b\\u00e2timent \\u00e9ducatif dans l&#039;ensemble de l&#039;ancienne usine Fabra i Coats du quartier de Sant Andreu \\u00e0 Barcelone.&quot;},{&quot;src&quot;:&quot;https:\\\/\\\/www.garciafaura.com\\\/wp-content\\\/uploads\\\/2019\\\/10\\\/Ins-Marti-Pons-12.jpg&quot;,&quot;title&quot;:&quot;R\\u00e9habilitation d&#039;un ancien b\\u00e2timent industriel en vue de le transformer en un nouveau b\\u00e2timent \\u00e9ducatif dans l&#039;ensemble de l&#039;ancienne usine Fabra i Coats du quartier de Sant Andreu \\u00e0 Barcelone.&quot;},{&quot;src&quot;:&quot;https:\\\/\\\/www.garciafaura.com\\\/wp-content\\\/uploads\\\/2019\\\/10\\\/Ins-Marti-Pons-11.jpg&quot;,&quot;title&quot;:&quot;R\\u00e9habilitation d&#039;un ancien b\\u00e2timent industriel en vue de le transformer en un nouveau b\\u00e2timent \\u00e9ducatif dans l&#039;ensemble de l&#039;ancienne usine Fabra i Coats du quartier de Sant Andreu \\u00e0 Barcelone.&quot;},{&quot;src&quot;:&quot;https:\\\/\\\/www.garciafaura.com\\\/wp-content\\\/uploads\\\/2019\\\/10\\\/Ins-Marti-Pons-10.jpg&quot;,&quot;title&quot;:&quot;R\\u00e9habilitation d&#039;un ancien b\\u00e2timent industriel en vue de le transformer en un nouveau b\\u00e2timent \\u00e9ducatif dans l&#039;ensemble de l&#039;ancienne usine Fabra i Coats du quartier de Sant Andreu \\u00e0 Barcelone.&quot;},{&quot;src&quot;:&quot;https:\\\/\\\/www.garciafaura.com\\\/wp-content\\\/uploads\\\/2019\\\/10\\\/Ins-Marti-Pons-09.jpg&quot;,&quot;title&quot;:&quot;R\\u00e9habilitation d&#039;un ancien b\\u00e2timent industriel en vue de le transformer en un nouveau b\\u00e2timent \\u00e9ducatif dans l&#039;ensemble de l&#039;ancienne usine Fabra i Coats du quartier de Sant Andreu \\u00e0 Barcelone.&quot;},{&quot;src&quot;:&quot;https:\\\/\\\/www.garciafaura.com\\\/wp-content\\\/uploads\\\/2019\\\/10\\\/Ins-Marti-Pons-08.jpg&quot;,&quot;title&quot;:&quot;R\\u00e9habilitation d&#039;un ancien b\\u00e2timent industriel en vue de le transformer en un nouveau b\\u00e2timent \\u00e9ducatif dans l&#039;ensemble de l&#039;ancienne usine Fabra i Coats du quartier de Sant Andreu \\u00e0 Barcelone.&quot;},{&quot;src&quot;:&quot;https:\\\/\\\/www.garciafaura.com\\\/wp-content\\\/uploads\\\/2019\\\/10\\\/Ins-Marti-Pons-07.jpg&quot;,&quot;title&quot;:&quot;R\\u00e9habilitation d&#039;un ancien b\\u00e2timent industriel en vue de le transformer en un nouveau b\\u00e2timent \\u00e9ducatif dans l&#039;ensemble de l&#039;ancienne usine Fabra i Coats du quartier de Sant Andreu \\u00e0 Barcelone.&quot;},{&quot;src&quot;:&quot;https:\\\/\\\/www.garciafaura.com\\\/wp-content\\\/uploads\\\/2019\\\/10\\\/Ins-Marti-Pons-06.jpg&quot;,&quot;title&quot;:&quot;R\\u00e9habilitation d&#039;un ancien b\\u00e2timent industriel en vue de le transformer en un nouveau b\\u00e2timent \\u00e9ducatif dans l&#039;ensemble de l&#039;ancienne usine Fabra i Coats du quartier de Sant Andreu \\u00e0 Barcelone.&quot;},{&quot;src&quot;:&quot;https:\\\/\\\/www.garciafaura.com\\\/wp-content\\\/uploads\\\/2019\\\/10\\\/Ins-Marti-Pons-05.jpg&quot;,&quot;title&quot;:&quot;R\\u00e9habilitation d&#039;un ancien b\\u00e2timent industriel en vue de le transformer en un nouveau b\\u00e2timent \\u00e9ducatif dans l&#039;ensemble de l&#039;ancienne usine Fabra i Coats du quartier de Sant Andreu \\u00e0 Barcelone.&quot;},{&quot;src&quot;:&quot;https:\\\/\\\/www.garciafaura.com\\\/wp-content\\\/uploads\\\/2019\\\/10\\\/Ins-Marti-Pons-04.jpg&quot;,&quot;title&quot;:&quot;R\\u00e9habilitation d&#039;un ancien b\\u00e2timent industriel en vue de le transformer en un nouveau b\\u00e2timent \\u00e9ducatif dans l&#039;ensemble de l&#039;ancienne usine Fabra i Coats du quartier de Sant Andreu \\u00e0 Barcelone.&quot;},{&quot;src&quot;:&quot;https:\\\/\\\/www.garciafaura.com\\\/wp-content\\\/uploads\\\/2019\\\/10\\\/Ins-Marti-Pons-03.jpg&quot;,&quot;title&quot;:&quot;R\\u00e9habilitation d&#039;un ancien b\\u00e2timent industriel en vue de le transformer en un nouveau b\\u00e2timent \\u00e9ducatif dans l&#039;ensemble de l&#039;ancienne usine Fabra i Coats du quartier de Sant Andreu \\u00e0 Barcelone.&quot;},{&quot;src&quot;:&quot;https:\\\/\\\/www.garciafaura.com\\\/wp-content\\\/uploads\\\/2019\\\/10\\\/Ins-Marti-Pons-02.jpg&quot;,&quot;title&quot;:&quot;R\\u00e9habilitation d&#039;un ancien b\\u00e2timent industriel en vue de le transformer en un nouveau b\\u00e2timent \\u00e9ducatif dans l&#039;ensemble de l&#039;ancienne usine Fabra i Coats du quartier de Sant Andreu \\u00e0 Barcelone.&quot;}]\"><img loading=\"lazy\" decoding=\"async\" data-no-lazy=\"1\" class=\"portfolio-entry-img skip-lazy\" src=\"https:\/\/www.garciafaura.com\/wp-content\/uploads\/2019\/10\/Ins-Marti-Pons-01-600x314.jpg\" alt=\"R\u00e9habilitation D'un Ancien B\u00e2timent Industriel En Vue De Le Transformer En Un Nouveau B\u00e2timent \u00e9ducatif Dans L'ensemble De L'ancienne Usine Fabra I Coats Du Quartier De Sant Andreu \u00e0 Barcelone.\" data-no-retina width=\"600\" height=\"314\" \/><\/a><\/div><div class=\"portfolio-entry-details entry-details wpex-clr\"><h2 class=\"portfolio-entry-title entry-title\"><a href=\"https:\/\/www.garciafaura.com\/fr\/portfolio-item\/lycee-marti-pous\/\" title=\"Lyc\u00e9e Mart\u00ed Pous\">Lyc\u00e9e Mart\u00ed Pous<\/a><\/h2><div class=\"portfolio-entry-categories entry-categories wpex-clr\"><a href=\"https:\/\/www.garciafaura.com\/fr\/portfolio-category\/batiments-de-services\/\" class=\"term-75\">B\u00e2timents de Services<\/a><\/div><\/div><\/div><\/div><div class=\"portfolio-entry vcex-grid-item entry-has-details span_1_of_3 col col-2 vcex-isotope-entry vcex-no-margin-entry post-23250 entry type-portfolio has-media cat-77 cat-90 cat-101 translation_priority-5\"><div class=\"portfolio-entry-inner entry-inner wpex-clr\"><div class=\"portfolio-entry-media entry-media wpex-clr\"><a href=\"https:\/\/www.garciafaura.com\/wp-content\/uploads\/2019\/09\/Rehabilitacio\u0301-Edifici-Hospitalet-01.jpg\" title=\"R\u00e9habilitation de b\u00e2timent \u00e0 l&rsquo;Hospitalet\" class=\"portfolio-entry-media-link wpex-lightbox-gallery\" data-gallery=\"[{&quot;src&quot;:&quot;https:\\\/\\\/www.garciafaura.com\\\/wp-content\\\/uploads\\\/2019\\\/09\\\/Rehabilitacio\\u0301-Edifici-Hospitalet-01.jpg&quot;,&quot;title&quot;:&quot;Rehabilitacio\\u0301 Edifici Hospitalet&quot;},{&quot;src&quot;:&quot;https:\\\/\\\/www.garciafaura.com\\\/wp-content\\\/uploads\\\/2019\\\/09\\\/Rehabilitacio\\u0301-Edifici-Hospitalet-07.jpg&quot;,&quot;title&quot;:&quot;Rehabilitacio\\u0301n Edifici Hospitalet&quot;},{&quot;src&quot;:&quot;https:\\\/\\\/www.garciafaura.com\\\/wp-content\\\/uploads\\\/2019\\\/09\\\/Rehabilitacio\\u0301-Edifici-Hospitalet-06.jpg&quot;,&quot;title&quot;:&quot;Rehabilitacio\\u0301n Edifici Hospitalet&quot;},{&quot;src&quot;:&quot;https:\\\/\\\/www.garciafaura.com\\\/wp-content\\\/uploads\\\/2019\\\/09\\\/Rehabilitacio\\u0301-Edifici-Hospitalet-05.jpg&quot;,&quot;title&quot;:&quot;Rehabilitacio\\u0301n Edifici Hospitalet&quot;},{&quot;src&quot;:&quot;https:\\\/\\\/www.garciafaura.com\\\/wp-content\\\/uploads\\\/2019\\\/09\\\/Rehabilitacio\\u0301-Edifici-Hospitalet-04.jpg&quot;,&quot;title&quot;:&quot;Rehabilitacio\\u0301n Edifici Hospitalet&quot;},{&quot;src&quot;:&quot;https:\\\/\\\/www.garciafaura.com\\\/wp-content\\\/uploads\\\/2019\\\/09\\\/Rehabilitacio\\u0301-Edifici-Hospitalet-03.jpg&quot;,&quot;title&quot;:&quot;Rehabilitacio\\u0301n Edifici Hospitalet&quot;},{&quot;src&quot;:&quot;https:\\\/\\\/www.garciafaura.com\\\/wp-content\\\/uploads\\\/2019\\\/09\\\/Rehabilitacio\\u0301-Edifici-Hospitalet-02.jpg&quot;,&quot;title&quot;:&quot;Rehabilitacio\\u0301n Edifici Hospitalet&quot;}]\"><img loading=\"lazy\" decoding=\"async\" data-no-lazy=\"1\" class=\"portfolio-entry-img skip-lazy\" src=\"https:\/\/www.garciafaura.com\/wp-content\/uploads\/2019\/09\/Rehabilitacio\u0301-Edifici-Hospitalet-01-600x314.jpg\" alt=\"Rehabilitacio\u0301 Edifici Hospitalet\" data-no-retina width=\"600\" height=\"314\" \/><\/a><\/div><div class=\"portfolio-entry-details entry-details wpex-clr\"><h2 class=\"portfolio-entry-title entry-title\"><a href=\"https:\/\/www.garciafaura.com\/fr\/portfolio-item\/rehabilitation-de-batiment-a-lhospitalet\/\" title=\"R\u00e9habilitation de b\u00e2timent \u00e0 l&rsquo;Hospitalet\">R\u00e9habilitation de b\u00e2timent \u00e0 l&rsquo;Hospitalet<\/a><\/h2><div class=\"portfolio-entry-categories entry-categories wpex-clr\"><a href=\"https:\/\/www.garciafaura.com\/fr\/portfolio-category\/ensembles-residentiels\/\" class=\"term-77\">Ensembles r\u00e9sidentiels<\/a><\/div><\/div><\/div><\/div><div class=\"portfolio-entry vcex-grid-item entry-has-details span_1_of_3 col col-3 vcex-isotope-entry vcex-no-margin-entry post-23153 entry type-portfolio has-media cat-90 translation_priority-5\"><div class=\"portfolio-entry-inner entry-inner wpex-clr\"><div class=\"portfolio-entry-media entry-media wpex-clr\"><a href=\"https:\/\/www.garciafaura.com\/wp-content\/uploads\/2019\/09\/Dic-Sud-Aeroport-Barcelona-02.jpg\" title=\"Quai Sud A\u00e9roport Barcelone\" class=\"portfolio-entry-media-link wpex-lightbox-gallery\" data-gallery=\"[{&quot;src&quot;:&quot;https:\\\/\\\/www.garciafaura.com\\\/wp-content\\\/uploads\\\/2019\\\/09\\\/Dic-Sud-Aeroport-Barcelona-02.jpg&quot;,&quot;title&quot;:&quot;Mur cortina i tancaments per a la rehabilitaci\\u00f3 i ampliaci\\u00f3 del Dic Sud de l&#039;Aeroport de Barcelona-El Prat&quot;},{&quot;src&quot;:&quot;https:\\\/\\\/www.garciafaura.com\\\/wp-content\\\/uploads\\\/2019\\\/09\\\/Dic-Sud-Aeroport-Barcelona-01.jpg&quot;,&quot;title&quot;:&quot;Mur cortina i tancaments per a la rehabilitaci\\u00f3 i ampliaci\\u00f3 del Dic Sud de l&#039;Aeroport de Barcelona-El Prat&quot;}]\"><img loading=\"lazy\" decoding=\"async\" data-no-lazy=\"1\" class=\"portfolio-entry-img skip-lazy\" src=\"https:\/\/www.garciafaura.com\/wp-content\/uploads\/2019\/09\/Dic-Sud-Aeroport-Barcelona-02-600x314.jpg\" alt=\"Mur Cortina I Tancaments Per A La Rehabilitaci\u00f3 I Ampliaci\u00f3 Del Dic Sud De L'Aeroport De Barcelona-El Prat\" data-no-retina width=\"600\" height=\"314\" \/><\/a><\/div><div class=\"portfolio-entry-details entry-details wpex-clr\"><h2 class=\"portfolio-entry-title entry-title\"><a href=\"https:\/\/www.garciafaura.com\/fr\/portfolio-item\/southern-dock-barcelona-airport\/\" title=\"Quai Sud A\u00e9roport Barcelone\">Quai Sud A\u00e9roport Barcelone<\/a><\/h2><div class=\"portfolio-entry-categories entry-categories wpex-clr\"><a href=\"https:\/\/www.garciafaura.com\/fr\/portfolio-category\/reamenagement\/\" class=\"term-90\">R\u00e9am\u00e9nagement<\/a><\/div><\/div><\/div><\/div><div class=\"portfolio-entry vcex-grid-item entry-has-details span_1_of_3 col col-1 vcex-isotope-entry vcex-no-margin-entry post-22774 entry type-portfolio has-media cat-69 cat-93 cat-90 translation_priority-5\"><div class=\"portfolio-entry-inner entry-inner wpex-clr\"><div class=\"portfolio-entry-media entry-media wpex-clr\"><a href=\"https:\/\/www.garciafaura.com\/wp-content\/uploads\/2019\/07\/IMG_2838.jpg\" title=\"R\u00e9habilitation de la Tour Mapfre\" class=\"portfolio-entry-media-link wpex-lightbox-gallery\" data-gallery=\"[{&quot;src&quot;:&quot;https:\\\/\\\/www.garciafaura.com\\\/wp-content\\\/uploads\\\/2019\\\/07\\\/IMG_2838.jpg&quot;},{&quot;src&quot;:&quot;https:\\\/\\\/www.garciafaura.com\\\/wp-content\\\/uploads\\\/2019\\\/07\\\/IMG_2826.jpg&quot;},{&quot;src&quot;:&quot;https:\\\/\\\/www.garciafaura.com\\\/wp-content\\\/uploads\\\/2019\\\/07\\\/IMG_2855.jpg&quot;},{&quot;src&quot;:&quot;https:\\\/\\\/www.garciafaura.com\\\/wp-content\\\/uploads\\\/2019\\\/07\\\/IMG_2853.jpg&quot;},{&quot;src&quot;:&quot;https:\\\/\\\/www.garciafaura.com\\\/wp-content\\\/uploads\\\/2019\\\/07\\\/IMG_2848.jpg&quot;},{&quot;src&quot;:&quot;https:\\\/\\\/www.garciafaura.com\\\/wp-content\\\/uploads\\\/2019\\\/07\\\/IMG_2846.jpg&quot;},{&quot;src&quot;:&quot;https:\\\/\\\/www.garciafaura.com\\\/wp-content\\\/uploads\\\/2019\\\/07\\\/IMG_2845.jpg&quot;},{&quot;src&quot;:&quot;https:\\\/\\\/www.garciafaura.com\\\/wp-content\\\/uploads\\\/2019\\\/07\\\/IMG_2843.jpg&quot;},{&quot;src&quot;:&quot;https:\\\/\\\/www.garciafaura.com\\\/wp-content\\\/uploads\\\/2019\\\/07\\\/IMG_2842.jpg&quot;},{&quot;src&quot;:&quot;https:\\\/\\\/www.garciafaura.com\\\/wp-content\\\/uploads\\\/2019\\\/07\\\/IMG_2839.jpg&quot;},{&quot;src&quot;:&quot;https:\\\/\\\/www.garciafaura.com\\\/wp-content\\\/uploads\\\/2019\\\/07\\\/IMG_2833.jpg&quot;}]\"><img loading=\"lazy\" decoding=\"async\" data-no-lazy=\"1\" class=\"portfolio-entry-img skip-lazy\" src=\"https:\/\/www.garciafaura.com\/wp-content\/uploads\/2019\/07\/IMG_2838-600x314.jpg\" alt='' data-no-retina width=\"600\" height=\"314\" \/><\/a><\/div><div class=\"portfolio-entry-details entry-details wpex-clr\"><h2 class=\"portfolio-entry-title entry-title\"><a href=\"https:\/\/www.garciafaura.com\/fr\/portfolio-item\/rehabilitation-de-la-tour-mapfre\/\" title=\"R\u00e9habilitation de la Tour Mapfre\">R\u00e9habilitation de la Tour Mapfre<\/a><\/h2><div class=\"portfolio-entry-categories entry-categories wpex-clr\"><a href=\"https:\/\/www.garciafaura.com\/fr\/portfolio-category\/batiments-corporatifs\/\" class=\"term-69\">B\u00e2timents Corporatifs<\/a><\/div><\/div><\/div><\/div><div class=\"portfolio-entry vcex-grid-item entry-has-details span_1_of_3 col col-2 vcex-isotope-entry vcex-no-margin-entry post-22571 entry type-portfolio has-media cat-94 cat-90 translation_priority-5\"><div class=\"portfolio-entry-inner entry-inner wpex-clr\"><div class=\"portfolio-entry-media entry-media wpex-clr\"><a href=\"https:\/\/www.garciafaura.com\/wp-content\/uploads\/2019\/07\/Hotel-Imperial-Tarraco-20.jpg\" title=\"R\u00e9forme de l&rsquo;H\u00f4tel Imperial Tarraco\" class=\"portfolio-entry-media-link wpex-lightbox-gallery\" data-gallery=\"[{&quot;src&quot;:&quot;https:\\\/\\\/www.garciafaura.com\\\/wp-content\\\/uploads\\\/2019\\\/07\\\/Hotel-Imperial-Tarraco-20.jpg&quot;},{&quot;src&quot;:&quot;https:\\\/\\\/www.garciafaura.com\\\/wp-content\\\/uploads\\\/2019\\\/07\\\/Hotel-Imperial-Tarraco-19.jpg&quot;},{&quot;src&quot;:&quot;https:\\\/\\\/www.garciafaura.com\\\/wp-content\\\/uploads\\\/2019\\\/07\\\/Hotel-Imperial-Tarraco-18.jpg&quot;},{&quot;src&quot;:&quot;https:\\\/\\\/www.garciafaura.com\\\/wp-content\\\/uploads\\\/2019\\\/07\\\/Hotel-Imperial-Tarraco-17.jpg&quot;},{&quot;src&quot;:&quot;https:\\\/\\\/www.garciafaura.com\\\/wp-content\\\/uploads\\\/2019\\\/07\\\/Hotel-Imperial-Tarraco-16.jpg&quot;},{&quot;src&quot;:&quot;https:\\\/\\\/www.garciafaura.com\\\/wp-content\\\/uploads\\\/2019\\\/07\\\/Hotel-Imperial-Tarraco-15.jpg&quot;},{&quot;src&quot;:&quot;https:\\\/\\\/www.garciafaura.com\\\/wp-content\\\/uploads\\\/2019\\\/07\\\/Hotel-Imperial-Tarraco-14.jpg&quot;},{&quot;src&quot;:&quot;https:\\\/\\\/www.garciafaura.com\\\/wp-content\\\/uploads\\\/2019\\\/07\\\/Hotel-Imperial-Tarraco-13.jpg&quot;},{&quot;src&quot;:&quot;https:\\\/\\\/www.garciafaura.com\\\/wp-content\\\/uploads\\\/2019\\\/07\\\/Hotel-Imperial-Tarraco-12.jpg&quot;},{&quot;src&quot;:&quot;https:\\\/\\\/www.garciafaura.com\\\/wp-content\\\/uploads\\\/2019\\\/07\\\/Hotel-Imperial-Tarraco-11.jpg&quot;},{&quot;src&quot;:&quot;https:\\\/\\\/www.garciafaura.com\\\/wp-content\\\/uploads\\\/2019\\\/07\\\/Hotel-Imperial-Tarraco-10.jpg&quot;},{&quot;src&quot;:&quot;https:\\\/\\\/www.garciafaura.com\\\/wp-content\\\/uploads\\\/2019\\\/07\\\/Hotel-Imperial-Tarraco-09.jpg&quot;},{&quot;src&quot;:&quot;https:\\\/\\\/www.garciafaura.com\\\/wp-content\\\/uploads\\\/2019\\\/07\\\/Hotel-Imperial-Tarraco-08.jpg&quot;},{&quot;src&quot;:&quot;https:\\\/\\\/www.garciafaura.com\\\/wp-content\\\/uploads\\\/2019\\\/07\\\/Hotel-Imperial-Tarraco-07.jpg&quot;},{&quot;src&quot;:&quot;https:\\\/\\\/www.garciafaura.com\\\/wp-content\\\/uploads\\\/2019\\\/07\\\/Hotel-Imperial-Tarraco-06.jpg&quot;},{&quot;src&quot;:&quot;https:\\\/\\\/www.garciafaura.com\\\/wp-content\\\/uploads\\\/2019\\\/07\\\/Hotel-Imperial-Tarraco-05.jpg&quot;},{&quot;src&quot;:&quot;https:\\\/\\\/www.garciafaura.com\\\/wp-content\\\/uploads\\\/2019\\\/07\\\/Hotel-Imperial-Tarraco-21.jpg&quot;},{&quot;src&quot;:&quot;https:\\\/\\\/www.garciafaura.com\\\/wp-content\\\/uploads\\\/2019\\\/07\\\/Hotel-Imperial-Tarraco-04.jpg&quot;},{&quot;src&quot;:&quot;https:\\\/\\\/www.garciafaura.com\\\/wp-content\\\/uploads\\\/2019\\\/07\\\/Hotel-Imperial-Tarraco-03.jpg&quot;},{&quot;src&quot;:&quot;https:\\\/\\\/www.garciafaura.com\\\/wp-content\\\/uploads\\\/2019\\\/07\\\/Hotel-Imperial-Tarraco-02.jpg&quot;},{&quot;src&quot;:&quot;https:\\\/\\\/www.garciafaura.com\\\/wp-content\\\/uploads\\\/2019\\\/07\\\/Hotel-Imperial-Tarraco-01.jpg&quot;}]\"><img loading=\"lazy\" decoding=\"async\" data-no-lazy=\"1\" class=\"portfolio-entry-img skip-lazy\" src=\"https:\/\/www.garciafaura.com\/wp-content\/uploads\/2019\/07\/Hotel-Imperial-Tarraco-20-600x314.jpg\" alt='' data-no-retina width=\"600\" height=\"314\" \/><\/a><\/div><div class=\"portfolio-entry-details entry-details wpex-clr\"><h2 class=\"portfolio-entry-title entry-title\"><a href=\"https:\/\/www.garciafaura.com\/fr\/portfolio-item\/reforme-de-lhotel-imperial-tarraco\/\" title=\"R\u00e9forme de l&rsquo;H\u00f4tel Imperial Tarraco\">R\u00e9forme de l&rsquo;H\u00f4tel Imperial Tarraco<\/a><\/h2><div class=\"portfolio-entry-categories entry-categories wpex-clr\"><a href=\"https:\/\/www.garciafaura.com\/fr\/portfolio-category\/hotels-fr\/\" class=\"term-94\">H\u00f4tels<\/a><\/div><\/div><\/div><\/div><div class=\"portfolio-entry vcex-grid-item entry-has-details span_1_of_3 col col-3 vcex-isotope-entry vcex-no-margin-entry post-21902 entry type-portfolio has-media cat-69 cat-93 cat-90 cat-101 translation_priority-5\"><div class=\"portfolio-entry-inner entry-inner wpex-clr\"><div class=\"portfolio-entry-media entry-media wpex-clr\"><a href=\"https:\/\/www.garciafaura.com\/wp-content\/uploads\/2018\/10\/Rehabilitacio-Fac\u0327ana-Agbar-Collblanc-04.jpg\" title=\"Restauration b\u00e2timent Aig\u00fces de Barcelona\" class=\"portfolio-entry-media-link wpex-lightbox-gallery\" data-gallery=\"[{&quot;src&quot;:&quot;https:\\\/\\\/www.garciafaura.com\\\/wp-content\\\/uploads\\\/2018\\\/10\\\/Rehabilitacio-Fac\\u0327ana-Agbar-Collblanc-06.jpg&quot;,&quot;title&quot;:&quot;Restauration de la fa\\u00e7ade pour augmenter l&#039;efficacit\\u00e9 \\u00e9nerg\\u00e9tique du b\\u00e2timent.&quot;},{&quot;src&quot;:&quot;https:\\\/\\\/www.garciafaura.com\\\/wp-content\\\/uploads\\\/2018\\\/10\\\/Rehabilitacio-Fac\\u0327ana-Agbar-Collblanc-05.jpg&quot;,&quot;title&quot;:&quot;Restauration de la fa\\u00e7ade pour augmenter l&#039;efficacit\\u00e9 \\u00e9nerg\\u00e9tique du b\\u00e2timent.&quot;},{&quot;src&quot;:&quot;https:\\\/\\\/www.garciafaura.com\\\/wp-content\\\/uploads\\\/2018\\\/10\\\/Rehabilitacio-Fac\\u0327ana-Agbar-Collblanc-04.jpg&quot;,&quot;title&quot;:&quot;Restauration de la fa\\u00e7ade pour augmenter l&#039;efficacit\\u00e9 \\u00e9nerg\\u00e9tique du b\\u00e2timent.&quot;},{&quot;src&quot;:&quot;https:\\\/\\\/www.garciafaura.com\\\/wp-content\\\/uploads\\\/2018\\\/10\\\/Rehabilitacio-Fac\\u0327ana-Agbar-Collblanc-03.jpg&quot;,&quot;title&quot;:&quot;Restauration de la fa\\u00e7ade pour augmenter l&#039;efficacit\\u00e9 \\u00e9nerg\\u00e9tique du b\\u00e2timent.&quot;},{&quot;src&quot;:&quot;https:\\\/\\\/www.garciafaura.com\\\/wp-content\\\/uploads\\\/2018\\\/10\\\/Rehabilitacio-Fac\\u0327ana-Agbar-Collblanc-02.jpg&quot;,&quot;title&quot;:&quot;Restauration de la fa\\u00e7ade pour augmenter l&#039;efficacit\\u00e9 \\u00e9nerg\\u00e9tique du b\\u00e2timent.&quot;},{&quot;src&quot;:&quot;https:\\\/\\\/www.garciafaura.com\\\/wp-content\\\/uploads\\\/2018\\\/10\\\/Rehabilitacio-Fac\\u0327ana-Agbar-Collblanc-01.jpg&quot;,&quot;title&quot;:&quot;Restauration de la fa\\u00e7ade pour augmenter l&#039;efficacit\\u00e9 \\u00e9nerg\\u00e9tique du b\\u00e2timent.&quot;},{&quot;src&quot;:&quot;https:\\\/\\\/www.garciafaura.com\\\/wp-content\\\/uploads\\\/2018\\\/10\\\/Rehabilitacio-Fac\\u0327ana-Agbar-Collblanc-07.jpg&quot;,&quot;title&quot;:&quot;Restauration de la fa\\u00e7ade pour augmenter l&#039;efficacit\\u00e9 \\u00e9nerg\\u00e9tique du b\\u00e2timent.&quot;}]\"><img loading=\"lazy\" decoding=\"async\" data-no-lazy=\"1\" class=\"portfolio-entry-img skip-lazy\" src=\"https:\/\/www.garciafaura.com\/wp-content\/uploads\/2018\/10\/Rehabilitacio-Fac\u0327ana-Agbar-Collblanc-04-600x314.jpg\" alt=\"Restauration De La Fa\u00e7ade Pour Augmenter L'efficacit\u00e9 \u00e9nerg\u00e9tique Du B\u00e2timent.\" data-no-retina width=\"600\" height=\"314\" \/><\/a><\/div><div class=\"portfolio-entry-details entry-details wpex-clr\"><h2 class=\"portfolio-entry-title entry-title\"><a href=\"https:\/\/www.garciafaura.com\/fr\/portfolio-item\/rehabilitacio-edifici-aigues-de-barcelona\/\" title=\"Restauration b\u00e2timent Aig\u00fces de Barcelona\">Restauration b\u00e2timent Aig\u00fces de Barcelona<\/a><\/h2><div class=\"portfolio-entry-categories entry-categories wpex-clr\"><a href=\"https:\/\/www.garciafaura.com\/fr\/portfolio-category\/batiments-corporatifs\/\" class=\"term-69\">B\u00e2timents Corporatifs<\/a><\/div><\/div><\/div><\/div><div class=\"portfolio-entry vcex-grid-item entry-has-details span_1_of_3 col col-1 vcex-isotope-entry vcex-no-margin-entry post-21461 entry type-portfolio has-media cat-94 cat-96 cat-90 cat-101 translation_priority-5\"><div class=\"portfolio-entry-inner entry-inner wpex-clr\"><div class=\"portfolio-entry-media entry-media wpex-clr\"><a href=\"https:\/\/www.garciafaura.com\/wp-content\/uploads\/2019\/04\/Hotel-Barcelo\u0301-Occidental-Diagonal-414-01.jpg\" title=\"H\u00f4tel Barcel\u00f3 Occidental Diagonal 414\" class=\"portfolio-entry-media-link wpex-lightbox-gallery\" data-gallery=\"[{&quot;src&quot;:&quot;https:\\\/\\\/www.garciafaura.com\\\/wp-content\\\/uploads\\\/2019\\\/04\\\/Hotel-Barcelo\\u0301-Occidental-Diagonal-414-01.jpg&quot;},{&quot;src&quot;:&quot;https:\\\/\\\/www.garciafaura.com\\\/wp-content\\\/uploads\\\/2019\\\/04\\\/Hotel-Barcelo\\u0301-Occidental-Diagonal-414-17.jpg&quot;},{&quot;src&quot;:&quot;https:\\\/\\\/www.garciafaura.com\\\/wp-content\\\/uploads\\\/2019\\\/04\\\/Hotel-Barcelo\\u0301-Occidental-Diagonal-414-16.jpg&quot;},{&quot;src&quot;:&quot;https:\\\/\\\/www.garciafaura.com\\\/wp-content\\\/uploads\\\/2019\\\/04\\\/Hotel-Barcelo\\u0301-Occidental-Diagonal-414-15.jpg&quot;},{&quot;src&quot;:&quot;https:\\\/\\\/www.garciafaura.com\\\/wp-content\\\/uploads\\\/2019\\\/04\\\/Hotel-Barcelo\\u0301-Occidental-Diagonal-414-14.jpg&quot;},{&quot;src&quot;:&quot;https:\\\/\\\/www.garciafaura.com\\\/wp-content\\\/uploads\\\/2019\\\/04\\\/Hotel-Barcelo\\u0301-Occidental-Diagonal-414-13.jpg&quot;},{&quot;src&quot;:&quot;https:\\\/\\\/www.garciafaura.com\\\/wp-content\\\/uploads\\\/2019\\\/04\\\/Hotel-Barcelo\\u0301-Occidental-Diagonal-414-12.jpg&quot;},{&quot;src&quot;:&quot;https:\\\/\\\/www.garciafaura.com\\\/wp-content\\\/uploads\\\/2019\\\/04\\\/Hotel-Barcelo\\u0301-Occidental-Diagonal-414-11.jpg&quot;},{&quot;src&quot;:&quot;https:\\\/\\\/www.garciafaura.com\\\/wp-content\\\/uploads\\\/2019\\\/04\\\/Hotel-Barcelo\\u0301-Occidental-Diagonal-414-10.jpg&quot;},{&quot;src&quot;:&quot;https:\\\/\\\/www.garciafaura.com\\\/wp-content\\\/uploads\\\/2019\\\/04\\\/Hotel-Barcelo\\u0301-Occidental-Diagonal-414-03.jpg&quot;},{&quot;src&quot;:&quot;https:\\\/\\\/www.garciafaura.com\\\/wp-content\\\/uploads\\\/2019\\\/04\\\/Hotel-Barcelo\\u0301-Occidental-Diagonal-414-02.jpg&quot;},{&quot;src&quot;:&quot;https:\\\/\\\/www.garciafaura.com\\\/wp-content\\\/uploads\\\/2019\\\/06\\\/Hotel-Barcelo\\u0301-Occidental-Diagonal-414-04.jpg&quot;},{&quot;src&quot;:&quot;https:\\\/\\\/www.garciafaura.com\\\/wp-content\\\/uploads\\\/2019\\\/06\\\/Hotel-Barcelo\\u0301-Occidental-Diagonal-414-09.jpg&quot;},{&quot;src&quot;:&quot;https:\\\/\\\/www.garciafaura.com\\\/wp-content\\\/uploads\\\/2019\\\/06\\\/Hotel-Barcelo\\u0301-Occidental-Diagonal-414-08.jpg&quot;},{&quot;src&quot;:&quot;https:\\\/\\\/www.garciafaura.com\\\/wp-content\\\/uploads\\\/2019\\\/06\\\/Hotel-Barcelo\\u0301-Occidental-Diagonal-414-07.jpg&quot;},{&quot;src&quot;:&quot;https:\\\/\\\/www.garciafaura.com\\\/wp-content\\\/uploads\\\/2019\\\/06\\\/Hotel-Barcelo\\u0301-Occidental-Diagonal-414-06.jpg&quot;},{&quot;src&quot;:&quot;https:\\\/\\\/www.garciafaura.com\\\/wp-content\\\/uploads\\\/2019\\\/06\\\/Hotel-Barcelo\\u0301-Occidental-Diagonal-414-05.jpg&quot;,&quot;caption&quot;:&quot;123&quot;}]\"><img loading=\"lazy\" decoding=\"async\" data-no-lazy=\"1\" class=\"portfolio-entry-img skip-lazy\" src=\"https:\/\/www.garciafaura.com\/wp-content\/uploads\/2019\/04\/Hotel-Barcelo\u0301-Occidental-Diagonal-414-01-600x314.jpg\" alt='' data-no-retina width=\"600\" height=\"314\" \/><\/a><\/div><div class=\"portfolio-entry-details entry-details wpex-clr\"><h2 class=\"portfolio-entry-title entry-title\"><a href=\"https:\/\/www.garciafaura.com\/fr\/portfolio-item\/hotel-barcelo-diagonal-414\/\" title=\"H\u00f4tel Barcel\u00f3 Occidental Diagonal 414\">H\u00f4tel Barcel\u00f3 Occidental Diagonal 414<\/a><\/h2><div class=\"portfolio-entry-categories entry-categories wpex-clr\"><a href=\"https:\/\/www.garciafaura.com\/fr\/portfolio-category\/hotels-remarquables\/\" class=\"term-96\">H\u00f4tels Remarquables<\/a><\/div><\/div><\/div><\/div><div class=\"portfolio-entry vcex-grid-item entry-has-details span_1_of_3 col col-2 vcex-isotope-entry vcex-no-margin-entry post-20732 entry type-portfolio has-media cat-69 cat-102 cat-93 cat-95 cat-90 cat-101 translation_priority-5\"><div class=\"portfolio-entry-inner entry-inner wpex-clr\"><div class=\"portfolio-entry-media entry-media wpex-clr\"><a href=\"https:\/\/www.garciafaura.com\/wp-content\/uploads\/2018\/10\/Oficines-Balmes-04.jpg\" title=\"Bureaux Balmes\" class=\"portfolio-entry-media-link wpex-lightbox-gallery\" data-gallery=\"[{&quot;src&quot;:&quot;https:\\\/\\\/www.garciafaura.com\\\/wp-content\\\/uploads\\\/2018\\\/10\\\/Oficines-Balmes-04.jpg&quot;,&quot;title&quot;:&quot;Fa\\u00e7ade de mur-rideau avec profil\\u00e9s m\\u00e9talliques et modules en aluminium et verre de forme cubique&quot;},{&quot;src&quot;:&quot;https:\\\/\\\/www.garciafaura.com\\\/wp-content\\\/uploads\\\/2018\\\/10\\\/Oficines-Balmes-10.jpg&quot;,&quot;title&quot;:&quot;Fa\\u00e7ana de mur cortina de perfils met\\u00e0l\\u00b7lics i m\\u00f2duls d\\u2019alumini i vidre de forma c\\u00fabica&quot;},{&quot;src&quot;:&quot;https:\\\/\\\/www.garciafaura.com\\\/wp-content\\\/uploads\\\/2018\\\/10\\\/Oficines-Balmes-09.jpg&quot;,&quot;title&quot;:&quot;Fa\\u00e7ana de mur cortina de perfils met\\u00e0l\\u00b7lics i m\\u00f2duls d\\u2019alumini i vidre de forma c\\u00fabica&quot;},{&quot;src&quot;:&quot;https:\\\/\\\/www.garciafaura.com\\\/wp-content\\\/uploads\\\/2018\\\/10\\\/Oficines-Balmes-08.jpg&quot;,&quot;title&quot;:&quot;Fa\\u00e7ana de mur cortina de perfils met\\u00e0l\\u00b7lics i m\\u00f2duls d\\u2019alumini i vidre de forma c\\u00fabica&quot;},{&quot;src&quot;:&quot;https:\\\/\\\/www.garciafaura.com\\\/wp-content\\\/uploads\\\/2018\\\/10\\\/Oficines-Balmes-07.jpg&quot;,&quot;title&quot;:&quot;Fa\\u00e7ana de mur cortina de perfils met\\u00e0l\\u00b7lics i m\\u00f2duls d\\u2019alumini i vidre de forma c\\u00fabica&quot;},{&quot;src&quot;:&quot;https:\\\/\\\/www.garciafaura.com\\\/wp-content\\\/uploads\\\/2018\\\/10\\\/Oficines-Balmes-06.jpg&quot;,&quot;title&quot;:&quot;Fa\\u00e7ana de mur cortina de perfils met\\u00e0l\\u00b7lics i m\\u00f2duls d\\u2019alumini i vidre de forma c\\u00fabica&quot;},{&quot;src&quot;:&quot;https:\\\/\\\/www.garciafaura.com\\\/wp-content\\\/uploads\\\/2018\\\/10\\\/Oficines-Balmes-05.jpg&quot;,&quot;title&quot;:&quot;Fa\\u00e7ana de mur cortina de perfils met\\u00e0l\\u00b7lics i m\\u00f2duls d\\u2019alumini i vidre de forma c\\u00fabica&quot;},{&quot;src&quot;:&quot;https:\\\/\\\/www.garciafaura.com\\\/wp-content\\\/uploads\\\/2018\\\/10\\\/Oficines-Balmes-01.jpg&quot;,&quot;title&quot;:&quot;Fa\\u00e7ana de mur cortina de perfils met\\u00e0l\\u00b7lics i m\\u00f2duls d\\u2019alumini i vidre de forma c\\u00fabica&quot;},{&quot;src&quot;:&quot;https:\\\/\\\/www.garciafaura.com\\\/wp-content\\\/uploads\\\/2018\\\/10\\\/Oficines-Balmes-02.jpg&quot;,&quot;title&quot;:&quot;Fa\\u00e7ana de mur cortina de perfils met\\u00e0l\\u00b7lics i m\\u00f2duls d\\u2019alumini i vidre de forma c\\u00fabica&quot;},{&quot;src&quot;:&quot;https:\\\/\\\/www.garciafaura.com\\\/wp-content\\\/uploads\\\/2018\\\/10\\\/Oficines-Balmes-03.jpg&quot;,&quot;title&quot;:&quot;Fa\\u00e7ana de mur cortina de perfils met\\u00e0l\\u00b7lics i m\\u00f2duls d\\u2019alumini i vidre de forma c\\u00fabica&quot;}]\"><img loading=\"lazy\" decoding=\"async\" data-no-lazy=\"1\" class=\"portfolio-entry-img skip-lazy\" src=\"https:\/\/www.garciafaura.com\/wp-content\/uploads\/2018\/10\/Oficines-Balmes-04-600x314.jpg\" alt=\"Fa\u00e7ade De Mur-rideau Avec Profil\u00e9s M\u00e9talliques Et Modules En Aluminium Et Verre De Forme Cubique\" data-no-retina width=\"600\" height=\"314\" \/><\/a><\/div><div class=\"portfolio-entry-details entry-details wpex-clr\"><h2 class=\"portfolio-entry-title entry-title\"><a href=\"https:\/\/www.garciafaura.com\/fr\/portfolio-item\/bureaux-balmes\/\" title=\"Bureaux Balmes\">Bureaux Balmes<\/a><\/h2><div class=\"portfolio-entry-categories entry-categories wpex-clr\"><a href=\"https:\/\/www.garciafaura.com\/fr\/portfolio-category\/batiments-corporatifs\/\" class=\"term-69\">B\u00e2timents Corporatifs<\/a><\/div><\/div><\/div><\/div><div class=\"portfolio-entry vcex-grid-item entry-has-details span_1_of_3 col col-3 vcex-isotope-entry vcex-no-margin-entry post-20730 entry type-portfolio has-media cat-69 cat-102 cat-93 cat-95 cat-90 cat-101 translation_priority-5\"><div class=\"portfolio-entry-inner entry-inner wpex-clr\"><div class=\"portfolio-entry-media entry-media wpex-clr\"><a href=\"https:\/\/www.garciafaura.com\/wp-content\/uploads\/2018\/10\/Concessionari-Renault-Esplugues-07.jpg\" title=\"Concessionnaire Renault Dacia\" class=\"portfolio-entry-media-link wpex-lightbox-gallery\" data-gallery=\"[{&quot;src&quot;:&quot;https:\\\/\\\/www.garciafaura.com\\\/wp-content\\\/uploads\\\/2018\\\/10\\\/Concessionari-Renault-Esplugues-01.jpg&quot;,&quot;title&quot;:&quot;Nova fa\\u00e7ana d&#039;alumini perforat i mur cortina&quot;},{&quot;src&quot;:&quot;https:\\\/\\\/www.garciafaura.com\\\/wp-content\\\/uploads\\\/2018\\\/10\\\/Concessionari-Renault-Esplugues-18.jpg&quot;,&quot;title&quot;:&quot;Nova fa\\u00e7ana d&#039;alumini perforat i mur cortina&quot;},{&quot;src&quot;:&quot;https:\\\/\\\/www.garciafaura.com\\\/wp-content\\\/uploads\\\/2018\\\/10\\\/Concessionari-Renault-Esplugues-17.jpg&quot;,&quot;title&quot;:&quot;Nova fa\\u00e7ana d&#039;alumini perforat i mur cortina&quot;},{&quot;src&quot;:&quot;https:\\\/\\\/www.garciafaura.com\\\/wp-content\\\/uploads\\\/2018\\\/10\\\/Concessionari-Renault-Esplugues-16.jpg&quot;,&quot;title&quot;:&quot;Nova fa\\u00e7ana d&#039;alumini perforat i mur cortina&quot;},{&quot;src&quot;:&quot;https:\\\/\\\/www.garciafaura.com\\\/wp-content\\\/uploads\\\/2018\\\/10\\\/Concessionari-Renault-Esplugues-15.jpg&quot;,&quot;title&quot;:&quot;Nova fa\\u00e7ana d&#039;alumini perforat i mur cortina&quot;},{&quot;src&quot;:&quot;https:\\\/\\\/www.garciafaura.com\\\/wp-content\\\/uploads\\\/2018\\\/10\\\/Concessionari-Renault-Esplugues-14.jpg&quot;,&quot;title&quot;:&quot;Nova fa\\u00e7ana d&#039;alumini perforat i mur cortina&quot;},{&quot;src&quot;:&quot;https:\\\/\\\/www.garciafaura.com\\\/wp-content\\\/uploads\\\/2018\\\/10\\\/Concessionari-Renault-Esplugues-13.jpg&quot;,&quot;title&quot;:&quot;Nova fa\\u00e7ana d&#039;alumini perforat i mur cortina&quot;},{&quot;src&quot;:&quot;https:\\\/\\\/www.garciafaura.com\\\/wp-content\\\/uploads\\\/2018\\\/10\\\/Concessionari-Renault-Esplugues-12.jpg&quot;,&quot;title&quot;:&quot;Nova fa\\u00e7ana d&#039;alumini perforat i mur cortina&quot;},{&quot;src&quot;:&quot;https:\\\/\\\/www.garciafaura.com\\\/wp-content\\\/uploads\\\/2018\\\/10\\\/Concessionari-Renault-Esplugues-11.jpg&quot;,&quot;title&quot;:&quot;Nova fa\\u00e7ana d&#039;alumini perforat i mur cortina&quot;},{&quot;src&quot;:&quot;https:\\\/\\\/www.garciafaura.com\\\/wp-content\\\/uploads\\\/2018\\\/10\\\/Concessionari-Renault-Esplugues-10.jpg&quot;,&quot;title&quot;:&quot;Nova fa\\u00e7ana d&#039;alumini perforat i mur cortina&quot;},{&quot;src&quot;:&quot;https:\\\/\\\/www.garciafaura.com\\\/wp-content\\\/uploads\\\/2018\\\/10\\\/Concessionari-Renault-Esplugues-09.jpg&quot;,&quot;title&quot;:&quot;Nova fa\\u00e7ana d&#039;alumini perforat i mur cortina&quot;},{&quot;src&quot;:&quot;https:\\\/\\\/www.garciafaura.com\\\/wp-content\\\/uploads\\\/2018\\\/10\\\/Concessionari-Renault-Esplugues-08.jpg&quot;,&quot;title&quot;:&quot;Nova fa\\u00e7ana d&#039;alumini perforat i mur cortina&quot;},{&quot;src&quot;:&quot;https:\\\/\\\/www.garciafaura.com\\\/wp-content\\\/uploads\\\/2018\\\/10\\\/Concessionari-Renault-Esplugues-07.jpg&quot;,&quot;title&quot;:&quot;Nouvelle fa\\u00e7ade en aluminium perfor\\u00e9 et mur-rideau&quot;},{&quot;src&quot;:&quot;https:\\\/\\\/www.garciafaura.com\\\/wp-content\\\/uploads\\\/2018\\\/10\\\/Concessionari-Renault-Esplugues-06.jpg&quot;,&quot;title&quot;:&quot;Nova fa\\u00e7ana d&#039;alumini perforat i mur cortina&quot;},{&quot;src&quot;:&quot;https:\\\/\\\/www.garciafaura.com\\\/wp-content\\\/uploads\\\/2018\\\/10\\\/Concessionari-Renault-Esplugues-05.jpg&quot;,&quot;title&quot;:&quot;Nova fa\\u00e7ana d&#039;alumini perforat i mur cortina&quot;},{&quot;src&quot;:&quot;https:\\\/\\\/www.garciafaura.com\\\/wp-content\\\/uploads\\\/2018\\\/10\\\/Concessionari-Renault-Esplugues-04.jpg&quot;,&quot;title&quot;:&quot;Nova fa\\u00e7ana d&#039;alumini perforat i mur cortina&quot;},{&quot;src&quot;:&quot;https:\\\/\\\/www.garciafaura.com\\\/wp-content\\\/uploads\\\/2018\\\/10\\\/Concessionari-Renault-Esplugues-03.jpg&quot;,&quot;title&quot;:&quot;Nova fa\\u00e7ana d&#039;alumini perforat i mur cortina&quot;},{&quot;src&quot;:&quot;https:\\\/\\\/www.garciafaura.com\\\/wp-content\\\/uploads\\\/2018\\\/10\\\/Concessionari-Renault-Esplugues-02.jpg&quot;,&quot;title&quot;:&quot;Nova fa\\u00e7ana d&#039;alumini perforat i mur cortina&quot;}]\"><img loading=\"lazy\" decoding=\"async\" data-no-lazy=\"1\" class=\"portfolio-entry-img skip-lazy\" src=\"https:\/\/www.garciafaura.com\/wp-content\/uploads\/2018\/10\/Concessionari-Renault-Esplugues-07-600x314.jpg\" alt=\"Nouvelle Fa\u00e7ade En Aluminium Perfor\u00e9 Et Mur-rideau\" data-no-retina width=\"600\" height=\"314\" \/><\/a><\/div><div class=\"portfolio-entry-details entry-details wpex-clr\"><h2 class=\"portfolio-entry-title entry-title\"><a href=\"https:\/\/www.garciafaura.com\/fr\/portfolio-item\/concessionnaire-renault-dacia\/\" title=\"Concessionnaire Renault Dacia\">Concessionnaire Renault Dacia<\/a><\/h2><div class=\"portfolio-entry-categories entry-categories wpex-clr\"><a href=\"https:\/\/www.garciafaura.com\/fr\/portfolio-category\/batiments-corporatifs\/\" class=\"term-69\">B\u00e2timents Corporatifs<\/a><\/div><\/div><\/div><\/div><div class=\"portfolio-entry vcex-grid-item entry-has-details span_1_of_3 col col-1 vcex-isotope-entry vcex-no-margin-entry post-20717 entry type-portfolio has-media cat-75 cat-90 translation_priority-5\"><div class=\"portfolio-entry-inner entry-inner wpex-clr\"><div class=\"portfolio-entry-media entry-media wpex-clr\"><a href=\"https:\/\/www.garciafaura.com\/wp-content\/uploads\/2018\/10\/Edifici-Cala\u0300bria-66-01.jpg\" title=\"Immeuble Cal\u00e0bria 66\" class=\"portfolio-entry-media-link wpex-lightbox-gallery\" data-gallery=\"[{&quot;src&quot;:&quot;https:\\\/\\\/www.garciafaura.com\\\/wp-content\\\/uploads\\\/2018\\\/10\\\/Edifici-Cala\\u0300bria-66-01.jpg&quot;,&quot;title&quot;:&quot;Fermetures ext\\u00e9rieures pour nouvel \\u00e9quipement social \\u00e0 Barcelone&quot;},{&quot;src&quot;:&quot;https:\\\/\\\/www.garciafaura.com\\\/wp-content\\\/uploads\\\/2018\\\/10\\\/Edifici-Cala\\u0300bria-66-24.jpg&quot;,&quot;title&quot;:&quot;Tancaments exteriors del nou equipament social de Barcelona&quot;},{&quot;src&quot;:&quot;https:\\\/\\\/www.garciafaura.com\\\/wp-content\\\/uploads\\\/2018\\\/10\\\/Edifici-Cala\\u0300bria-66-23.jpg&quot;,&quot;title&quot;:&quot;Tancaments exteriors del nou equipament social de Barcelona&quot;},{&quot;src&quot;:&quot;https:\\\/\\\/www.garciafaura.com\\\/wp-content\\\/uploads\\\/2018\\\/10\\\/Edifici-Cala\\u0300bria-66-22.jpg&quot;,&quot;title&quot;:&quot;Tancaments exteriors del nou equipament social de Barcelona&quot;},{&quot;src&quot;:&quot;https:\\\/\\\/www.garciafaura.com\\\/wp-content\\\/uploads\\\/2018\\\/10\\\/Edifici-Cala\\u0300bria-66-21.jpg&quot;,&quot;title&quot;:&quot;Tancaments exteriors del nou equipament social de Barcelona&quot;},{&quot;src&quot;:&quot;https:\\\/\\\/www.garciafaura.com\\\/wp-content\\\/uploads\\\/2018\\\/10\\\/Edifici-Cala\\u0300bria-66-20.jpg&quot;,&quot;title&quot;:&quot;Tancaments exteriors del nou equipament social de Barcelona&quot;},{&quot;src&quot;:&quot;https:\\\/\\\/www.garciafaura.com\\\/wp-content\\\/uploads\\\/2018\\\/10\\\/Edifici-Cala\\u0300bria-66-19.jpg&quot;,&quot;title&quot;:&quot;Tancaments exteriors del nou equipament social de Barcelona&quot;},{&quot;src&quot;:&quot;https:\\\/\\\/www.garciafaura.com\\\/wp-content\\\/uploads\\\/2018\\\/10\\\/Edifici-Cala\\u0300bria-66-18.jpg&quot;,&quot;title&quot;:&quot;Tancaments exteriors del nou equipament social de Barcelona&quot;},{&quot;src&quot;:&quot;https:\\\/\\\/www.garciafaura.com\\\/wp-content\\\/uploads\\\/2018\\\/10\\\/Edifici-Cala\\u0300bria-66-17.jpg&quot;,&quot;title&quot;:&quot;Tancaments exteriors del nou equipament social de Barcelona&quot;},{&quot;src&quot;:&quot;https:\\\/\\\/www.garciafaura.com\\\/wp-content\\\/uploads\\\/2018\\\/10\\\/Edifici-Cala\\u0300bria-66-16.jpg&quot;,&quot;title&quot;:&quot;Tancaments exteriors del nou equipament social de Barcelona&quot;},{&quot;src&quot;:&quot;https:\\\/\\\/www.garciafaura.com\\\/wp-content\\\/uploads\\\/2018\\\/10\\\/Edifici-Cala\\u0300bria-66-15.jpg&quot;,&quot;title&quot;:&quot;Tancaments exteriors del nou equipament social de Barcelona&quot;},{&quot;src&quot;:&quot;https:\\\/\\\/www.garciafaura.com\\\/wp-content\\\/uploads\\\/2018\\\/10\\\/Edifici-Cala\\u0300bria-66-13.jpg&quot;,&quot;title&quot;:&quot;Tancaments exteriors del nou equipament social de Barcelona&quot;},{&quot;src&quot;:&quot;https:\\\/\\\/www.garciafaura.com\\\/wp-content\\\/uploads\\\/2018\\\/10\\\/Edifici-Cala\\u0300bria-66-14.jpg&quot;,&quot;title&quot;:&quot;Tancaments exteriors del nou equipament social de Barcelona&quot;},{&quot;src&quot;:&quot;https:\\\/\\\/www.garciafaura.com\\\/wp-content\\\/uploads\\\/2018\\\/10\\\/Edifici-Cala\\u0300bria-66-12.jpg&quot;,&quot;title&quot;:&quot;Tancaments exteriors del nou equipament social de Barcelona&quot;},{&quot;src&quot;:&quot;https:\\\/\\\/www.garciafaura.com\\\/wp-content\\\/uploads\\\/2018\\\/10\\\/Edifici-Cala\\u0300bria-66-11.jpg&quot;,&quot;title&quot;:&quot;Tancaments exteriors del nou equipament social de Barcelona&quot;},{&quot;src&quot;:&quot;https:\\\/\\\/www.garciafaura.com\\\/wp-content\\\/uploads\\\/2018\\\/10\\\/Edifici-Cala\\u0300bria-66-10.jpg&quot;,&quot;title&quot;:&quot;Tancaments exteriors del nou equipament social de Barcelona&quot;},{&quot;src&quot;:&quot;https:\\\/\\\/www.garciafaura.com\\\/wp-content\\\/uploads\\\/2018\\\/10\\\/Edifici-Cala\\u0300bria-66-09.jpg&quot;,&quot;title&quot;:&quot;Tancaments exteriors del nou equipament social de Barcelona&quot;},{&quot;src&quot;:&quot;https:\\\/\\\/www.garciafaura.com\\\/wp-content\\\/uploads\\\/2018\\\/10\\\/Edifici-Cala\\u0300bria-66-08.jpg&quot;,&quot;title&quot;:&quot;Tancaments exteriors del nou equipament social de Barcelona&quot;},{&quot;src&quot;:&quot;https:\\\/\\\/www.garciafaura.com\\\/wp-content\\\/uploads\\\/2018\\\/10\\\/Edifici-Cala\\u0300bria-66-07.jpg&quot;,&quot;title&quot;:&quot;Tancaments exteriors del nou equipament social de Barcelona&quot;},{&quot;src&quot;:&quot;https:\\\/\\\/www.garciafaura.com\\\/wp-content\\\/uploads\\\/2018\\\/10\\\/Edifici-Cala\\u0300bria-66-06.jpg&quot;,&quot;title&quot;:&quot;Tancaments exteriors del nou equipament social de Barcelona&quot;},{&quot;src&quot;:&quot;https:\\\/\\\/www.garciafaura.com\\\/wp-content\\\/uploads\\\/2018\\\/10\\\/Edifici-Cala\\u0300bria-66-05.jpg&quot;,&quot;title&quot;:&quot;Tancaments exteriors del nou equipament social de Barcelona&quot;},{&quot;src&quot;:&quot;https:\\\/\\\/www.garciafaura.com\\\/wp-content\\\/uploads\\\/2018\\\/10\\\/Edifici-Cala\\u0300bria-66-04.jpg&quot;,&quot;title&quot;:&quot;Tancaments exteriors del nou equipament social de Barcelona&quot;},{&quot;src&quot;:&quot;https:\\\/\\\/www.garciafaura.com\\\/wp-content\\\/uploads\\\/2018\\\/10\\\/Edifici-Cala\\u0300bria-66-03.jpg&quot;,&quot;title&quot;:&quot;Tancaments exteriors del nou equipament social de Barcelona&quot;},{&quot;src&quot;:&quot;https:\\\/\\\/www.garciafaura.com\\\/wp-content\\\/uploads\\\/2018\\\/10\\\/Edifici-Cala\\u0300bria-66-02.jpg&quot;,&quot;title&quot;:&quot;Tancaments exteriors del nou equipament social de Barcelona&quot;}]\"><img loading=\"lazy\" decoding=\"async\" data-no-lazy=\"1\" class=\"portfolio-entry-img skip-lazy\" src=\"https:\/\/www.garciafaura.com\/wp-content\/uploads\/2018\/10\/Edifici-Cala\u0300bria-66-01-600x314.jpg\" alt=\"Fermetures Ext\u00e9rieures Pour Nouvel \u00e9quipement Social \u00e0 Barcelone\" data-no-retina width=\"600\" height=\"314\" \/><\/a><\/div><div class=\"portfolio-entry-details entry-details wpex-clr\"><h2 class=\"portfolio-entry-title entry-title\"><a href=\"https:\/\/www.garciafaura.com\/fr\/portfolio-item\/immeuble-calabria-66\/\" title=\"Immeuble Cal\u00e0bria 66\">Immeuble Cal\u00e0bria 66<\/a><\/h2><div class=\"portfolio-entry-categories entry-categories wpex-clr\"><a href=\"https:\/\/www.garciafaura.com\/fr\/portfolio-category\/batiments-de-services\/\" class=\"term-75\">B\u00e2timents de Services<\/a><\/div><\/div><\/div><\/div><div class=\"portfolio-entry vcex-grid-item entry-has-details span_1_of_3 col col-2 vcex-isotope-entry vcex-no-margin-entry post-20708 entry type-portfolio has-media cat-75 cat-90 translation_priority-5\"><div class=\"portfolio-entry-inner entry-inner wpex-clr\"><div class=\"portfolio-entry-media entry-media wpex-clr\"><a href=\"https:\/\/www.garciafaura.com\/wp-content\/uploads\/2018\/10\/Rehabilitacio-Institut-Montserrat-03.jpg\" title=\"R\u00e9am\u00e9nagement \u00c9cole Montserrat\" class=\"portfolio-entry-media-link wpex-lightbox-gallery\" data-gallery=\"[{&quot;src&quot;:&quot;https:\\\/\\\/www.garciafaura.com\\\/wp-content\\\/uploads\\\/2018\\\/10\\\/Rehabilitacio-Institut-Montserrat-03.jpg&quot;,&quot;title&quot;:&quot;R\\u00e9habilitation d&#039;un b\\u00e2timent class\\u00e9 destin\\u00e9 \\u00e0 l&#039;\\u00e9ducation \\u00e0 Martorell&quot;},{&quot;src&quot;:&quot;https:\\\/\\\/www.garciafaura.com\\\/wp-content\\\/uploads\\\/2018\\\/11\\\/Escola-Montserrat-Martorell-08.jpg&quot;,&quot;title&quot;:&quot;Rehabilitaci\\u00f3\\u00a0d&#039;edifici\\u00a0catalogat\\u00a0destinat a ensenyament a\\u00a0Martorell&quot;},{&quot;src&quot;:&quot;https:\\\/\\\/www.garciafaura.com\\\/wp-content\\\/uploads\\\/2018\\\/11\\\/Escola-Montserrat-Martorell-07.jpg&quot;,&quot;title&quot;:&quot;Rehabilitaci\\u00f3\\u00a0d&#039;edifici\\u00a0catalogat\\u00a0destinat a ensenyament a\\u00a0Martorell&quot;},{&quot;src&quot;:&quot;https:\\\/\\\/www.garciafaura.com\\\/wp-content\\\/uploads\\\/2018\\\/11\\\/Escola-Montserrat-Martorell-06.jpg&quot;,&quot;title&quot;:&quot;Rehabilitaci\\u00f3\\u00a0d&#039;edifici\\u00a0catalogat\\u00a0destinat a ensenyament a\\u00a0Martorell&quot;},{&quot;src&quot;:&quot;https:\\\/\\\/www.garciafaura.com\\\/wp-content\\\/uploads\\\/2018\\\/11\\\/Escola-Montserrat-Martorell-05.jpg&quot;,&quot;title&quot;:&quot;Rehabilitaci\\u00f3\\u00a0d&#039;edifici\\u00a0catalogat\\u00a0destinat a ensenyament a\\u00a0Martorell&quot;},{&quot;src&quot;:&quot;https:\\\/\\\/www.garciafaura.com\\\/wp-content\\\/uploads\\\/2018\\\/11\\\/Escola-Montserrat-Martorell-04.jpg&quot;,&quot;title&quot;:&quot;Rehabilitaci\\u00f3\\u00a0d&#039;edifici\\u00a0catalogat\\u00a0destinat a ensenyament a\\u00a0Martorell&quot;},{&quot;src&quot;:&quot;https:\\\/\\\/www.garciafaura.com\\\/wp-content\\\/uploads\\\/2018\\\/11\\\/Escola-Montserrat-Martorell-03.jpg&quot;,&quot;title&quot;:&quot;Rehabilitaci\\u00f3\\u00a0d&#039;edifici\\u00a0catalogat\\u00a0destinat a ensenyament a\\u00a0Martorell&quot;},{&quot;src&quot;:&quot;https:\\\/\\\/www.garciafaura.com\\\/wp-content\\\/uploads\\\/2018\\\/11\\\/Escola-Montserrat-Martorell-02.jpg&quot;,&quot;title&quot;:&quot;Rehabilitaci\\u00f3\\u00a0d&#039;edifici\\u00a0catalogat\\u00a0destinat a ensenyament a\\u00a0Martorell&quot;},{&quot;src&quot;:&quot;https:\\\/\\\/www.garciafaura.com\\\/wp-content\\\/uploads\\\/2018\\\/11\\\/Escola-Montserrat-Martorell-01.jpg&quot;,&quot;title&quot;:&quot;Rehabilitaci\\u00f3\\u00a0d&#039;edifici\\u00a0catalogat\\u00a0destinat a ensenyament a\\u00a0Martorell&quot;},{&quot;src&quot;:&quot;https:\\\/\\\/www.garciafaura.com\\\/wp-content\\\/uploads\\\/2018\\\/10\\\/Rehabilitacio-Institut-Montserrat-06.jpg&quot;,&quot;title&quot;:&quot;Rehabilitaci\\u00f3\\u00a0d&#039;edifici\\u00a0catalogat\\u00a0destinat a ensenyament a\\u00a0Martorell&quot;},{&quot;src&quot;:&quot;https:\\\/\\\/www.garciafaura.com\\\/wp-content\\\/uploads\\\/2018\\\/10\\\/Rehabilitacio-Institut-Montserrat-05.jpg&quot;,&quot;title&quot;:&quot;Rehabilitaci\\u00f3\\u00a0d&#039;edifici\\u00a0catalogat\\u00a0destinat a ensenyament a\\u00a0Martorell&quot;},{&quot;src&quot;:&quot;https:\\\/\\\/www.garciafaura.com\\\/wp-content\\\/uploads\\\/2018\\\/10\\\/Rehabilitacio-Institut-Montserrat-04.jpg&quot;,&quot;title&quot;:&quot;Rehabilitaci\\u00f3\\u00a0d&#039;edifici\\u00a0catalogat\\u00a0destinat a ensenyament a\\u00a0Martorell&quot;},{&quot;src&quot;:&quot;https:\\\/\\\/www.garciafaura.com\\\/wp-content\\\/uploads\\\/2018\\\/10\\\/Rehabilitacio-Institut-Montserrat-01.jpg&quot;,&quot;title&quot;:&quot;Rehabilitaci\\u00f3\\u00a0d&#039;edifici\\u00a0catalogat\\u00a0destinat a ensenyament a\\u00a0Martorell&quot;},{&quot;src&quot;:&quot;https:\\\/\\\/www.garciafaura.com\\\/wp-content\\\/uploads\\\/2018\\\/10\\\/Rehabilitacio-Institut-Montserrat-02.jpg&quot;,&quot;title&quot;:&quot;Rehabilitaci\\u00f3\\u00a0d&#039;edifici\\u00a0catalogat\\u00a0destinat a ensenyament a\\u00a0Martorell&quot;}]\"><img loading=\"lazy\" decoding=\"async\" data-no-lazy=\"1\" class=\"portfolio-entry-img skip-lazy\" src=\"https:\/\/www.garciafaura.com\/wp-content\/uploads\/2018\/10\/Rehabilitacio-Institut-Montserrat-03-600x314.jpg\" alt=\"R\u00e9habilitation D'un B\u00e2timent Class\u00e9 Destin\u00e9 \u00e0 L'\u00e9ducation \u00e0 Martorell\" data-no-retina width=\"600\" height=\"314\" \/><\/a><\/div><div class=\"portfolio-entry-details entry-details wpex-clr\"><h2 class=\"portfolio-entry-title entry-title\"><a href=\"https:\/\/www.garciafaura.com\/fr\/portfolio-item\/reamenagement-ecole-montserrat\/\" title=\"R\u00e9am\u00e9nagement \u00c9cole Montserrat\">R\u00e9am\u00e9nagement \u00c9cole Montserrat<\/a><\/h2><div class=\"portfolio-entry-categories entry-categories wpex-clr\"><a href=\"https:\/\/www.garciafaura.com\/fr\/portfolio-category\/batiments-de-services\/\" class=\"term-75\">B\u00e2timents de Services<\/a><\/div><\/div><\/div><\/div><div class=\"portfolio-entry vcex-grid-item entry-has-details span_1_of_3 col col-3 vcex-isotope-entry vcex-no-margin-entry post-20701 entry type-portfolio has-media cat-75 cat-90 translation_priority-5\"><div class=\"portfolio-entry-inner entry-inner wpex-clr\"><div class=\"portfolio-entry-media entry-media wpex-clr\"><a href=\"https:\/\/www.garciafaura.com\/wp-content\/uploads\/2018\/10\/Rehabilitacio-Oficines-Mercabarna-00.jpg\" title=\"Centre de Direction Mercabarna\" class=\"portfolio-entry-media-link wpex-lightbox-gallery\" data-gallery=\"[{&quot;src&quot;:&quot;https:\\\/\\\/www.garciafaura.com\\\/wp-content\\\/uploads\\\/2018\\\/10\\\/Rehabilitacio-Oficines-Mercabarna-00.jpg&quot;},{&quot;src&quot;:&quot;https:\\\/\\\/www.garciafaura.com\\\/wp-content\\\/uploads\\\/2018\\\/10\\\/Rehabilitacio-Oficines-Mercabarna-01.jpg&quot;,&quot;title&quot;:&quot;Murs cortina i tancaments correguts en rehabilitaci\\u00f3 de fa\\u00e7ana&quot;},{&quot;src&quot;:&quot;https:\\\/\\\/www.garciafaura.com\\\/wp-content\\\/uploads\\\/2018\\\/10\\\/Rehabilitacio-Oficines-Mercabarna-08.jpg&quot;,&quot;title&quot;:&quot;Murs cortina i tancaments correguts en rehabilitaci\\u00f3 de fa\\u00e7ana&quot;},{&quot;src&quot;:&quot;https:\\\/\\\/www.garciafaura.com\\\/wp-content\\\/uploads\\\/2018\\\/10\\\/Rehabilitacio-Oficines-Mercabarna-06.jpg&quot;,&quot;title&quot;:&quot;Murs cortina i tancaments correguts en rehabilitaci\\u00f3 de fa\\u00e7ana&quot;},{&quot;src&quot;:&quot;https:\\\/\\\/www.garciafaura.com\\\/wp-content\\\/uploads\\\/2018\\\/10\\\/Rehabilitacio-Oficines-Mercabarna-07.jpg&quot;,&quot;title&quot;:&quot;Murs cortina i tancaments correguts en rehabilitaci\\u00f3 de fa\\u00e7ana&quot;},{&quot;src&quot;:&quot;https:\\\/\\\/www.garciafaura.com\\\/wp-content\\\/uploads\\\/2018\\\/10\\\/Rehabilitacio-Oficines-Mercabarna-05.jpg&quot;,&quot;title&quot;:&quot;Murs cortina i tancaments correguts en rehabilitaci\\u00f3 de fa\\u00e7ana&quot;},{&quot;src&quot;:&quot;https:\\\/\\\/www.garciafaura.com\\\/wp-content\\\/uploads\\\/2018\\\/10\\\/Rehabilitacio-Oficines-Mercabarna-04.jpg&quot;,&quot;title&quot;:&quot;Murs cortina i tancaments correguts en rehabilitaci\\u00f3 de fa\\u00e7ana&quot;},{&quot;src&quot;:&quot;https:\\\/\\\/www.garciafaura.com\\\/wp-content\\\/uploads\\\/2018\\\/10\\\/Rehabilitacio-Oficines-Mercabarna-03.jpg&quot;,&quot;title&quot;:&quot;Murs cortina i tancaments correguts en rehabilitaci\\u00f3 de fa\\u00e7ana&quot;},{&quot;src&quot;:&quot;https:\\\/\\\/www.garciafaura.com\\\/wp-content\\\/uploads\\\/2018\\\/10\\\/Rehabilitacio-Oficines-Mercabarna-02.jpg&quot;,&quot;title&quot;:&quot;Murs cortina i tancaments correguts en rehabilitaci\\u00f3 de fa\\u00e7ana&quot;}]\"><img decoding=\"async\" data-no-lazy=\"1\" class=\"portfolio-entry-img skip-lazy\" src=\"https:\/\/www.garciafaura.com\/wp-content\/uploads\/2018\/10\/Rehabilitacio-Oficines-Mercabarna-00-x.jpg\" alt='' data-no-retina \/><\/a><\/div><div class=\"portfolio-entry-details entry-details wpex-clr\"><h2 class=\"portfolio-entry-title entry-title\"><a href=\"https:\/\/www.garciafaura.com\/fr\/portfolio-item\/reamenagement-centre-de-direction-mercabarna\/\" title=\"Centre de Direction Mercabarna\">Centre de Direction Mercabarna<\/a><\/h2><div class=\"portfolio-entry-categories entry-categories wpex-clr\"><a href=\"https:\/\/www.garciafaura.com\/fr\/portfolio-category\/batiments-de-services\/\" class=\"term-75\">B\u00e2timents de Services<\/a><\/div><\/div><\/div><\/div><div class=\"portfolio-entry vcex-grid-item entry-has-details span_1_of_3 col col-1 vcex-isotope-entry vcex-no-margin-entry post-20693 entry type-portfolio has-media cat-69 cat-90 cat-101 translation_priority-5\"><div class=\"portfolio-entry-inner entry-inner wpex-clr\"><div class=\"portfolio-entry-media entry-media wpex-clr\"><a href=\"https:\/\/www.garciafaura.com\/wp-content\/uploads\/2018\/10\/Torre-Diagonal-Litoral-01.jpg\" title=\"R\u00e9am\u00e9nagement Torre Diagonal Litoral\" class=\"portfolio-entry-media-link wpex-lightbox-gallery\" data-gallery=\"[{&quot;src&quot;:&quot;https:\\\/\\\/www.garciafaura.com\\\/wp-content\\\/uploads\\\/2018\\\/10\\\/Torre-Diagonal-Litoral-01.jpg&quot;,&quot;title&quot;:&quot;R\\u00e9am\\u00e9nagement ext\\u00e9rieur et pr\\u00e9servation int\\u00e9grale de la fa\\u00e7ade&quot;},{&quot;src&quot;:&quot;https:\\\/\\\/www.garciafaura.com\\\/wp-content\\\/uploads\\\/2018\\\/10\\\/Torre-Diagonal-Litoral-13.jpg&quot;,&quot;title&quot;:&quot;Rehabilitaci\\u00f3 exterior i manteniment integral de fa\\u00e7ana&quot;},{&quot;src&quot;:&quot;https:\\\/\\\/www.garciafaura.com\\\/wp-content\\\/uploads\\\/2018\\\/10\\\/Torre-Diagonal-Litoral-12.jpg&quot;,&quot;title&quot;:&quot;Rehabilitaci\\u00f3 exterior i manteniment integral de fa\\u00e7ana&quot;},{&quot;src&quot;:&quot;https:\\\/\\\/www.garciafaura.com\\\/wp-content\\\/uploads\\\/2018\\\/10\\\/Torre-Diagonal-Litoral-11.jpg&quot;,&quot;title&quot;:&quot;Rehabilitaci\\u00f3 exterior i manteniment integral de fa\\u00e7ana&quot;},{&quot;src&quot;:&quot;https:\\\/\\\/www.garciafaura.com\\\/wp-content\\\/uploads\\\/2018\\\/10\\\/Torre-Diagonal-Litoral-10.jpg&quot;,&quot;title&quot;:&quot;Rehabilitaci\\u00f3 exterior i manteniment integral de fa\\u00e7ana&quot;},{&quot;src&quot;:&quot;https:\\\/\\\/www.garciafaura.com\\\/wp-content\\\/uploads\\\/2018\\\/10\\\/Torre-Diagonal-Litoral-09.jpg&quot;,&quot;title&quot;:&quot;Rehabilitaci\\u00f3 exterior i manteniment integral de fa\\u00e7ana&quot;},{&quot;src&quot;:&quot;https:\\\/\\\/www.garciafaura.com\\\/wp-content\\\/uploads\\\/2018\\\/10\\\/Torre-Diagonal-Litoral-08.jpg&quot;,&quot;title&quot;:&quot;Rehabilitaci\\u00f3 exterior i manteniment integral de fa\\u00e7ana&quot;},{&quot;src&quot;:&quot;https:\\\/\\\/www.garciafaura.com\\\/wp-content\\\/uploads\\\/2018\\\/10\\\/Torre-Diagonal-Litoral-07.jpg&quot;,&quot;title&quot;:&quot;Rehabilitaci\\u00f3 exterior i manteniment integral de fa\\u00e7ana&quot;},{&quot;src&quot;:&quot;https:\\\/\\\/www.garciafaura.com\\\/wp-content\\\/uploads\\\/2018\\\/10\\\/Torre-Diagonal-Litoral-06.jpg&quot;,&quot;title&quot;:&quot;Rehabilitaci\\u00f3 exterior i manteniment integral de fa\\u00e7ana&quot;},{&quot;src&quot;:&quot;https:\\\/\\\/www.garciafaura.com\\\/wp-content\\\/uploads\\\/2018\\\/10\\\/Torre-Diagonal-Litoral-05.jpg&quot;,&quot;title&quot;:&quot;Rehabilitaci\\u00f3 exterior i manteniment integral de fa\\u00e7ana&quot;},{&quot;src&quot;:&quot;https:\\\/\\\/www.garciafaura.com\\\/wp-content\\\/uploads\\\/2018\\\/10\\\/Torre-Diagonal-Litoral-04.jpg&quot;,&quot;title&quot;:&quot;Rehabilitaci\\u00f3 exterior i manteniment integral de fa\\u00e7ana&quot;},{&quot;src&quot;:&quot;https:\\\/\\\/www.garciafaura.com\\\/wp-content\\\/uploads\\\/2018\\\/10\\\/Torre-Diagonal-Litoral-03.jpg&quot;,&quot;title&quot;:&quot;Rehabilitaci\\u00f3 exterior i manteniment integral de fa\\u00e7ana&quot;},{&quot;src&quot;:&quot;https:\\\/\\\/www.garciafaura.com\\\/wp-content\\\/uploads\\\/2018\\\/10\\\/Torre-Diagonal-Litoral-02.jpg&quot;,&quot;title&quot;:&quot;Rehabilitaci\\u00f3 exterior i manteniment integral de fa\\u00e7ana&quot;}]\"><img loading=\"lazy\" decoding=\"async\" data-no-lazy=\"1\" class=\"portfolio-entry-img skip-lazy\" src=\"https:\/\/www.garciafaura.com\/wp-content\/uploads\/2018\/10\/Torre-Diagonal-Litoral-01-600x314.jpg\" alt=\"R\u00e9am\u00e9nagement Ext\u00e9rieur Et Pr\u00e9servation Int\u00e9grale De La Fa\u00e7ade\" data-no-retina width=\"600\" height=\"314\" \/><\/a><\/div><div class=\"portfolio-entry-details entry-details wpex-clr\"><h2 class=\"portfolio-entry-title entry-title\"><a href=\"https:\/\/www.garciafaura.com\/fr\/portfolio-item\/reamenagement-torre-diagonal-litoral\/\" title=\"R\u00e9am\u00e9nagement Torre Diagonal Litoral\">R\u00e9am\u00e9nagement Torre Diagonal Litoral<\/a><\/h2><div class=\"portfolio-entry-categories entry-categories wpex-clr\"><a href=\"https:\/\/www.garciafaura.com\/fr\/portfolio-category\/batiments-corporatifs\/\" class=\"term-69\">B\u00e2timents Corporatifs<\/a><\/div><\/div><\/div><\/div><div class=\"portfolio-entry vcex-grid-item entry-has-details span_1_of_3 col col-2 vcex-isotope-entry vcex-no-margin-entry post-20688 entry type-portfolio has-media cat-75 cat-90 translation_priority-5\"><div class=\"portfolio-entry-inner entry-inner wpex-clr\"><div class=\"portfolio-entry-media entry-media wpex-clr\"><a href=\"https:\/\/www.garciafaura.com\/wp-content\/uploads\/2018\/10\/Escola-Pau-Casals-Rubi-01.jpg\" title=\"R\u00e9am\u00e9nagement \u00c9cole Pau Casals\" class=\"portfolio-entry-media-link wpex-lightbox-gallery\" data-gallery=\"[{&quot;src&quot;:&quot;https:\\\/\\\/www.garciafaura.com\\\/wp-content\\\/uploads\\\/2018\\\/10\\\/Escola-Pau-Casals-Rubi-01.jpg&quot;,&quot;title&quot;:&quot;R\\u00e9am\\u00e9nagement d&#039;un \\u00e9tablissement scolaire \\u00e0 Rub\\u00ed&quot;},{&quot;src&quot;:&quot;https:\\\/\\\/www.garciafaura.com\\\/wp-content\\\/uploads\\\/2018\\\/10\\\/Escola-Pau-Casals-Rubi-09.jpg&quot;,&quot;title&quot;:&quot;Rehabilitaci\\u00f3 de centre educatiu a Rub\\u00ed&quot;},{&quot;src&quot;:&quot;https:\\\/\\\/www.garciafaura.com\\\/wp-content\\\/uploads\\\/2018\\\/10\\\/Escola-Pau-Casals-Rubi-08.jpg&quot;,&quot;title&quot;:&quot;Rehabilitaci\\u00f3 de centre educatiu a Rub\\u00ed&quot;},{&quot;src&quot;:&quot;https:\\\/\\\/www.garciafaura.com\\\/wp-content\\\/uploads\\\/2018\\\/10\\\/Escola-Pau-Casals-Rubi-07.jpg&quot;,&quot;title&quot;:&quot;Rehabilitaci\\u00f3 de centre educatiu a Rub\\u00ed&quot;},{&quot;src&quot;:&quot;https:\\\/\\\/www.garciafaura.com\\\/wp-content\\\/uploads\\\/2018\\\/10\\\/Escola-Pau-Casals-Rubi-06.jpg&quot;,&quot;title&quot;:&quot;Rehabilitaci\\u00f3 de centre educatiu a Rub\\u00ed&quot;},{&quot;src&quot;:&quot;https:\\\/\\\/www.garciafaura.com\\\/wp-content\\\/uploads\\\/2018\\\/10\\\/Escola-Pau-Casals-Rubi-05.jpg&quot;,&quot;title&quot;:&quot;Rehabilitaci\\u00f3 de centre educatiu a Rub\\u00ed&quot;},{&quot;src&quot;:&quot;https:\\\/\\\/www.garciafaura.com\\\/wp-content\\\/uploads\\\/2018\\\/10\\\/Escola-Pau-Casals-Rubi-04.jpg&quot;,&quot;title&quot;:&quot;Rehabilitaci\\u00f3 de centre educatiu a Rub\\u00ed&quot;},{&quot;src&quot;:&quot;https:\\\/\\\/www.garciafaura.com\\\/wp-content\\\/uploads\\\/2018\\\/10\\\/Escola-Pau-Casals-Rubi-03.jpg&quot;,&quot;title&quot;:&quot;Rehabilitaci\\u00f3 de centre educatiu a Rub\\u00ed&quot;},{&quot;src&quot;:&quot;https:\\\/\\\/www.garciafaura.com\\\/wp-content\\\/uploads\\\/2018\\\/10\\\/Escola-Pau-Casals-Rubi-02.jpg&quot;,&quot;title&quot;:&quot;Rehabilitaci\\u00f3 de centre educatiu a Rub\\u00ed&quot;}]\"><img loading=\"lazy\" decoding=\"async\" data-no-lazy=\"1\" class=\"portfolio-entry-img skip-lazy\" src=\"https:\/\/www.garciafaura.com\/wp-content\/uploads\/2018\/10\/Escola-Pau-Casals-Rubi-01-600x314.jpg\" alt=\"R\u00e9am\u00e9nagement D'un \u00e9tablissement Scolaire \u00e0 Rub\u00ed\" data-no-retina width=\"600\" height=\"314\" \/><\/a><\/div><div class=\"portfolio-entry-details entry-details wpex-clr\"><h2 class=\"portfolio-entry-title entry-title\"><a href=\"https:\/\/www.garciafaura.com\/fr\/portfolio-item\/reamenagement-ecole-pau-casals\/\" title=\"R\u00e9am\u00e9nagement \u00c9cole Pau Casals\">R\u00e9am\u00e9nagement \u00c9cole Pau Casals<\/a><\/h2><div class=\"portfolio-entry-categories entry-categories wpex-clr\"><a href=\"https:\/\/www.garciafaura.com\/fr\/portfolio-category\/batiments-de-services\/\" class=\"term-75\">B\u00e2timents de Services<\/a><\/div><\/div><\/div><\/div><div class=\"portfolio-entry vcex-grid-item entry-has-details span_1_of_3 col col-3 vcex-isotope-entry vcex-no-margin-entry post-20670 entry type-portfolio has-media cat-94 cat-96 cat-90 cat-101 translation_priority-5\"><div class=\"portfolio-entry-inner entry-inner wpex-clr\"><div class=\"portfolio-entry-media entry-media wpex-clr\"><a href=\"https:\/\/www.garciafaura.com\/wp-content\/uploads\/2018\/09\/Hotel-Iberostar-01.jpg\" title=\"H\u00f4tel Iberostar Plaza Catalunya\" class=\"portfolio-entry-media-link wpex-lightbox-gallery\" data-gallery=\"[{&quot;src&quot;:&quot;https:\\\/\\\/www.garciafaura.com\\\/wp-content\\\/uploads\\\/2018\\\/09\\\/Hotel-Iberostar-01.jpg&quot;},{&quot;src&quot;:&quot;https:\\\/\\\/www.garciafaura.com\\\/wp-content\\\/uploads\\\/2018\\\/09\\\/Hotel-Iberostar-12.jpg&quot;},{&quot;src&quot;:&quot;https:\\\/\\\/www.garciafaura.com\\\/wp-content\\\/uploads\\\/2018\\\/09\\\/Hotel-Iberostar-11.jpg&quot;},{&quot;src&quot;:&quot;https:\\\/\\\/www.garciafaura.com\\\/wp-content\\\/uploads\\\/2018\\\/09\\\/Hotel-Iberostar-10.jpg&quot;},{&quot;src&quot;:&quot;https:\\\/\\\/www.garciafaura.com\\\/wp-content\\\/uploads\\\/2018\\\/09\\\/Hotel-Iberostar-09.jpg&quot;},{&quot;src&quot;:&quot;https:\\\/\\\/www.garciafaura.com\\\/wp-content\\\/uploads\\\/2018\\\/09\\\/Hotel-Iberostar-08.jpg&quot;},{&quot;src&quot;:&quot;https:\\\/\\\/www.garciafaura.com\\\/wp-content\\\/uploads\\\/2018\\\/09\\\/Hotel-Iberostar-07.jpg&quot;},{&quot;src&quot;:&quot;https:\\\/\\\/www.garciafaura.com\\\/wp-content\\\/uploads\\\/2018\\\/09\\\/Hotel-Iberostar-06.jpg&quot;},{&quot;src&quot;:&quot;https:\\\/\\\/www.garciafaura.com\\\/wp-content\\\/uploads\\\/2018\\\/09\\\/Hotel-Iberostar-05.jpg&quot;},{&quot;src&quot;:&quot;https:\\\/\\\/www.garciafaura.com\\\/wp-content\\\/uploads\\\/2018\\\/09\\\/Hotel-Iberostar-04.jpg&quot;},{&quot;src&quot;:&quot;https:\\\/\\\/www.garciafaura.com\\\/wp-content\\\/uploads\\\/2018\\\/09\\\/Hotel-Iberostar-03.jpg&quot;},{&quot;src&quot;:&quot;https:\\\/\\\/www.garciafaura.com\\\/wp-content\\\/uploads\\\/2018\\\/09\\\/Hotel-Iberostar-02.jpg&quot;}]\"><img loading=\"lazy\" decoding=\"async\" data-no-lazy=\"1\" class=\"portfolio-entry-img skip-lazy\" src=\"https:\/\/www.garciafaura.com\/wp-content\/uploads\/2018\/09\/Hotel-Iberostar-01-600x314.jpg\" alt='' data-no-retina width=\"600\" height=\"314\" \/><\/a><\/div><div class=\"portfolio-entry-details entry-details wpex-clr\"><h2 class=\"portfolio-entry-title entry-title\"><a href=\"https:\/\/www.garciafaura.com\/fr\/portfolio-item\/hotel-iberostar-plaza-catalunya\/\" title=\"H\u00f4tel Iberostar Plaza Catalunya\">H\u00f4tel Iberostar Plaza Catalunya<\/a><\/h2><div class=\"portfolio-entry-categories entry-categories wpex-clr\"><a href=\"https:\/\/www.garciafaura.com\/fr\/portfolio-category\/hotels-fr\/\" class=\"term-94\">H\u00f4tels<\/a><\/div><\/div><\/div><\/div><div class=\"portfolio-entry vcex-grid-item entry-has-details span_1_of_3 col col-1 vcex-isotope-entry vcex-no-margin-entry post-20668 entry type-portfolio has-media cat-93 cat-95 cat-90 cat-101 translation_priority-5\"><div class=\"portfolio-entry-inner entry-inner wpex-clr\"><div class=\"portfolio-entry-media entry-media wpex-clr\"><a href=\"https:\/\/www.garciafaura.com\/wp-content\/uploads\/2018\/09\/Edifici-Beethoven-02.jpg\" title=\"R\u00e9am\u00e9nagement de l&rsquo;Immeuble Beethoven\" class=\"portfolio-entry-media-link wpex-lightbox-gallery\" data-gallery=\"[{&quot;src&quot;:&quot;https:\\\/\\\/www.garciafaura.com\\\/wp-content\\\/uploads\\\/2018\\\/09\\\/Edifici-Beethoven-01.jpg&quot;},{&quot;src&quot;:&quot;https:\\\/\\\/www.garciafaura.com\\\/wp-content\\\/uploads\\\/2018\\\/09\\\/Edifici-Beethoven-09.jpg&quot;},{&quot;src&quot;:&quot;https:\\\/\\\/www.garciafaura.com\\\/wp-content\\\/uploads\\\/2018\\\/09\\\/Edifici-Beethoven-08.jpg&quot;},{&quot;src&quot;:&quot;https:\\\/\\\/www.garciafaura.com\\\/wp-content\\\/uploads\\\/2018\\\/09\\\/Edifici-Beethoven-07.jpg&quot;},{&quot;src&quot;:&quot;https:\\\/\\\/www.garciafaura.com\\\/wp-content\\\/uploads\\\/2018\\\/09\\\/Edifici-Beethoven-06.jpg&quot;},{&quot;src&quot;:&quot;https:\\\/\\\/www.garciafaura.com\\\/wp-content\\\/uploads\\\/2018\\\/09\\\/Edifici-Beethoven-05.jpg&quot;},{&quot;src&quot;:&quot;https:\\\/\\\/www.garciafaura.com\\\/wp-content\\\/uploads\\\/2018\\\/09\\\/Edifici-Beethoven-04.jpg&quot;},{&quot;src&quot;:&quot;https:\\\/\\\/www.garciafaura.com\\\/wp-content\\\/uploads\\\/2018\\\/09\\\/Edifici-Beethoven-03.jpg&quot;},{&quot;src&quot;:&quot;https:\\\/\\\/www.garciafaura.com\\\/wp-content\\\/uploads\\\/2018\\\/09\\\/Edifici-Beethoven-02.jpg&quot;}]\"><img loading=\"lazy\" decoding=\"async\" data-no-lazy=\"1\" class=\"portfolio-entry-img skip-lazy\" src=\"https:\/\/www.garciafaura.com\/wp-content\/uploads\/2018\/09\/Edifici-Beethoven-02-600x314.jpg\" alt='' data-no-retina width=\"600\" height=\"314\" \/><\/a><\/div><div class=\"portfolio-entry-details entry-details wpex-clr\"><h2 class=\"portfolio-entry-title entry-title\"><a href=\"https:\/\/www.garciafaura.com\/fr\/portfolio-item\/reamenagement-de-limmeuble-beethoven\/\" title=\"R\u00e9am\u00e9nagement de l&rsquo;Immeuble Beethoven\">R\u00e9am\u00e9nagement de l&rsquo;Immeuble Beethoven<\/a><\/h2><div class=\"portfolio-entry-categories entry-categories wpex-clr\"><a href=\"https:\/\/www.garciafaura.com\/fr\/portfolio-category\/facades-fr\/\" class=\"term-93\">Fa\u00e7ades<\/a><\/div><\/div><\/div><\/div><div class=\"portfolio-entry vcex-grid-item entry-has-details span_1_of_3 col col-2 vcex-isotope-entry vcex-no-margin-entry post-20663 entry type-portfolio has-media cat-94 cat-96 cat-90 translation_priority-5\"><div class=\"portfolio-entry-inner entry-inner wpex-clr\"><div class=\"portfolio-entry-media entry-media wpex-clr\"><a href=\"https:\/\/www.garciafaura.com\/wp-content\/uploads\/2018\/09\/Hotel-Tryp-Apolo-09.jpg\" title=\"H\u00f4tel Tryp Apolo\" class=\"portfolio-entry-media-link wpex-lightbox-gallery\" data-gallery=\"[{&quot;src&quot;:&quot;https:\\\/\\\/www.garciafaura.com\\\/wp-content\\\/uploads\\\/2018\\\/09\\\/Hotel-Tryp-Apolo-09.jpg&quot;},{&quot;src&quot;:&quot;https:\\\/\\\/www.garciafaura.com\\\/wp-content\\\/uploads\\\/2018\\\/09\\\/Hotel-Tryp-Apolo-01.jpg&quot;,&quot;title&quot;:&quot;Tancaments per a la reforma de l&#039;Hotel Tryp Apolo de Barcelona.&quot;},{&quot;src&quot;:&quot;https:\\\/\\\/www.garciafaura.com\\\/wp-content\\\/uploads\\\/2018\\\/09\\\/Hotel-Tryp-Apolo-10.jpg&quot;},{&quot;src&quot;:&quot;https:\\\/\\\/www.garciafaura.com\\\/wp-content\\\/uploads\\\/2018\\\/09\\\/Hotel-Tryp-Apolo-08.jpg&quot;},{&quot;src&quot;:&quot;https:\\\/\\\/www.garciafaura.com\\\/wp-content\\\/uploads\\\/2018\\\/09\\\/Hotel-Tryp-Apolo-07.jpg&quot;},{&quot;src&quot;:&quot;https:\\\/\\\/www.garciafaura.com\\\/wp-content\\\/uploads\\\/2018\\\/09\\\/Hotel-Tryp-Apolo-06.jpg&quot;},{&quot;src&quot;:&quot;https:\\\/\\\/www.garciafaura.com\\\/wp-content\\\/uploads\\\/2018\\\/09\\\/Hotel-Tryp-Apolo-05.jpg&quot;},{&quot;src&quot;:&quot;https:\\\/\\\/www.garciafaura.com\\\/wp-content\\\/uploads\\\/2018\\\/09\\\/Hotel-Tryp-Apolo-04.jpg&quot;},{&quot;src&quot;:&quot;https:\\\/\\\/www.garciafaura.com\\\/wp-content\\\/uploads\\\/2018\\\/09\\\/Hotel-Tryp-Apolo-03.jpg&quot;},{&quot;src&quot;:&quot;https:\\\/\\\/www.garciafaura.com\\\/wp-content\\\/uploads\\\/2018\\\/09\\\/Hotel-Tryp-Apolo-02.jpg&quot;}]\"><img loading=\"lazy\" decoding=\"async\" data-no-lazy=\"1\" class=\"portfolio-entry-img skip-lazy\" src=\"https:\/\/www.garciafaura.com\/wp-content\/uploads\/2018\/09\/Hotel-Tryp-Apolo-09-600x314.jpg\" alt='' data-no-retina width=\"600\" height=\"314\" \/><\/a><\/div><div class=\"portfolio-entry-details entry-details wpex-clr\"><h2 class=\"portfolio-entry-title entry-title\"><a href=\"https:\/\/www.garciafaura.com\/fr\/portfolio-item\/hotel-tryp-apolo\/\" title=\"H\u00f4tel Tryp Apolo\">H\u00f4tel Tryp Apolo<\/a><\/h2><div class=\"portfolio-entry-categories entry-categories wpex-clr\"><a href=\"https:\/\/www.garciafaura.com\/fr\/portfolio-category\/hotels-fr\/\" class=\"term-94\">H\u00f4tels<\/a><\/div><\/div><\/div><\/div><div class=\"portfolio-entry vcex-grid-item entry-has-details span_1_of_3 col col-3 vcex-isotope-entry vcex-no-margin-entry post-20533 entry type-portfolio has-media cat-94 cat-90 translation_priority-5\"><div class=\"portfolio-entry-inner entry-inner wpex-clr\"><div class=\"portfolio-entry-media entry-media wpex-clr\"><a href=\"https:\/\/www.garciafaura.com\/wp-content\/uploads\/2018\/11\/Rehabilitacio\u0301-Hotel-Sol-Beach-Eivissa-08.jpg\" title=\"R\u00e9am\u00e9nagement H\u00f4tel Sol Beach Club\" class=\"portfolio-entry-media-link wpex-lightbox-gallery\" data-gallery=\"[{&quot;src&quot;:&quot;https:\\\/\\\/www.garciafaura.com\\\/wp-content\\\/uploads\\\/2018\\\/11\\\/Rehabilitacio\\u0301-Hotel-Sol-Beach-Eivissa-01.jpg&quot;},{&quot;src&quot;:&quot;https:\\\/\\\/www.garciafaura.com\\\/wp-content\\\/uploads\\\/2018\\\/11\\\/Rehabilitacio\\u0301-Hotel-Sol-Beach-Eivissa-14.jpg&quot;},{&quot;src&quot;:&quot;https:\\\/\\\/www.garciafaura.com\\\/wp-content\\\/uploads\\\/2018\\\/11\\\/Rehabilitacio\\u0301-Hotel-Sol-Beach-Eivissa-13.jpg&quot;},{&quot;src&quot;:&quot;https:\\\/\\\/www.garciafaura.com\\\/wp-content\\\/uploads\\\/2018\\\/11\\\/Rehabilitacio\\u0301-Hotel-Sol-Beach-Eivissa-12.jpg&quot;},{&quot;src&quot;:&quot;https:\\\/\\\/www.garciafaura.com\\\/wp-content\\\/uploads\\\/2018\\\/11\\\/Rehabilitacio\\u0301-Hotel-Sol-Beach-Eivissa-11.jpg&quot;},{&quot;src&quot;:&quot;https:\\\/\\\/www.garciafaura.com\\\/wp-content\\\/uploads\\\/2018\\\/11\\\/Rehabilitacio\\u0301-Hotel-Sol-Beach-Eivissa-10.jpg&quot;},{&quot;src&quot;:&quot;https:\\\/\\\/www.garciafaura.com\\\/wp-content\\\/uploads\\\/2018\\\/11\\\/Rehabilitacio\\u0301-Hotel-Sol-Beach-Eivissa-09.jpg&quot;},{&quot;src&quot;:&quot;https:\\\/\\\/www.garciafaura.com\\\/wp-content\\\/uploads\\\/2018\\\/11\\\/Rehabilitacio\\u0301-Hotel-Sol-Beach-Eivissa-08.jpg&quot;},{&quot;src&quot;:&quot;https:\\\/\\\/www.garciafaura.com\\\/wp-content\\\/uploads\\\/2018\\\/11\\\/Rehabilitacio\\u0301-Hotel-Sol-Beach-Eivissa-07.jpg&quot;},{&quot;src&quot;:&quot;https:\\\/\\\/www.garciafaura.com\\\/wp-content\\\/uploads\\\/2018\\\/11\\\/Rehabilitacio\\u0301-Hotel-Sol-Beach-Eivissa-06.jpg&quot;},{&quot;src&quot;:&quot;https:\\\/\\\/www.garciafaura.com\\\/wp-content\\\/uploads\\\/2018\\\/11\\\/Rehabilitacio\\u0301-Hotel-Sol-Beach-Eivissa-05.jpg&quot;},{&quot;src&quot;:&quot;https:\\\/\\\/www.garciafaura.com\\\/wp-content\\\/uploads\\\/2018\\\/11\\\/Rehabilitacio\\u0301-Hotel-Sol-Beach-Eivissa-04.jpg&quot;},{&quot;src&quot;:&quot;https:\\\/\\\/www.garciafaura.com\\\/wp-content\\\/uploads\\\/2018\\\/11\\\/Rehabilitacio\\u0301-Hotel-Sol-Beach-Eivissa-03.jpg&quot;},{&quot;src&quot;:&quot;https:\\\/\\\/www.garciafaura.com\\\/wp-content\\\/uploads\\\/2018\\\/11\\\/Rehabilitacio\\u0301-Hotel-Sol-Beach-Eivissa-02.jpg&quot;}]\"><img loading=\"lazy\" decoding=\"async\" data-no-lazy=\"1\" class=\"portfolio-entry-img skip-lazy\" src=\"https:\/\/www.garciafaura.com\/wp-content\/uploads\/2018\/11\/Rehabilitacio\u0301-Hotel-Sol-Beach-Eivissa-08-600x314.jpg\" alt='' data-no-retina width=\"600\" height=\"314\" \/><\/a><\/div><div class=\"portfolio-entry-details entry-details wpex-clr\"><h2 class=\"portfolio-entry-title entry-title\"><a href=\"https:\/\/www.garciafaura.com\/fr\/portfolio-item\/reamenagement-hotel-sol-beach-club\/\" title=\"R\u00e9am\u00e9nagement H\u00f4tel Sol Beach Club\">R\u00e9am\u00e9nagement H\u00f4tel Sol Beach Club<\/a><\/h2><div class=\"portfolio-entry-categories entry-categories wpex-clr\"><a href=\"https:\/\/www.garciafaura.com\/fr\/portfolio-category\/hotels-fr\/\" class=\"term-94\">H\u00f4tels<\/a><\/div><\/div><\/div><\/div><div class=\"portfolio-entry vcex-grid-item entry-has-details span_1_of_3 col col-1 vcex-isotope-entry vcex-no-margin-entry post-20526 entry type-portfolio has-media cat-69 cat-90 translation_priority-5\"><div class=\"portfolio-entry-inner entry-inner wpex-clr\"><div class=\"portfolio-entry-media entry-media wpex-clr\"><a href=\"https:\/\/www.garciafaura.com\/wp-content\/uploads\/2018\/11\/Rehabilitacio\u0301-Oficines-Daunert-01.jpg\" title=\"R\u00e9am\u00e9nagement Bureaux Daunert\" class=\"portfolio-entry-media-link wpex-lightbox-gallery\" data-gallery=\"[{&quot;src&quot;:&quot;https:\\\/\\\/www.garciafaura.com\\\/wp-content\\\/uploads\\\/2018\\\/11\\\/Rehabilitacio\\u0301-Oficines-Daunert-01.jpg&quot;},{&quot;src&quot;:&quot;https:\\\/\\\/www.garciafaura.com\\\/wp-content\\\/uploads\\\/2018\\\/11\\\/Rehabilitacio\\u0301-Oficines-Daunert-06.jpg&quot;},{&quot;src&quot;:&quot;https:\\\/\\\/www.garciafaura.com\\\/wp-content\\\/uploads\\\/2018\\\/11\\\/Rehabilitacio\\u0301-Oficines-Daunert-05.jpg&quot;},{&quot;src&quot;:&quot;https:\\\/\\\/www.garciafaura.com\\\/wp-content\\\/uploads\\\/2018\\\/11\\\/Rehabilitacio\\u0301-Oficines-Daunert-04.jpg&quot;},{&quot;src&quot;:&quot;https:\\\/\\\/www.garciafaura.com\\\/wp-content\\\/uploads\\\/2018\\\/11\\\/Rehabilitacio\\u0301-Oficines-Daunert-03.jpg&quot;},{&quot;src&quot;:&quot;https:\\\/\\\/www.garciafaura.com\\\/wp-content\\\/uploads\\\/2018\\\/11\\\/Rehabilitacio\\u0301-Oficines-Daunert-02.jpg&quot;}]\"><img loading=\"lazy\" decoding=\"async\" data-no-lazy=\"1\" class=\"portfolio-entry-img skip-lazy\" src=\"https:\/\/www.garciafaura.com\/wp-content\/uploads\/2018\/11\/Rehabilitacio\u0301-Oficines-Daunert-01-600x314.jpg\" alt='' data-no-retina width=\"600\" height=\"314\" \/><\/a><\/div><div class=\"portfolio-entry-details entry-details wpex-clr\"><h2 class=\"portfolio-entry-title entry-title\"><a href=\"https:\/\/www.garciafaura.com\/fr\/portfolio-item\/reamenagement-bureaux-daunert\/\" title=\"R\u00e9am\u00e9nagement Bureaux Daunert\">R\u00e9am\u00e9nagement Bureaux Daunert<\/a><\/h2><div class=\"portfolio-entry-categories entry-categories wpex-clr\"><a href=\"https:\/\/www.garciafaura.com\/fr\/portfolio-category\/batiments-corporatifs\/\" class=\"term-69\">B\u00e2timents Corporatifs<\/a><\/div><\/div><\/div><\/div><div class=\"portfolio-entry vcex-grid-item entry-has-details span_1_of_3 col col-2 vcex-isotope-entry vcex-no-margin-entry post-20504 entry type-portfolio has-media cat-94 cat-90 translation_priority-5\"><div class=\"portfolio-entry-inner entry-inner wpex-clr\"><div class=\"portfolio-entry-media entry-media wpex-clr\"><a href=\"https:\/\/www.garciafaura.com\/wp-content\/uploads\/2018\/11\/Restaurant-La-Poma-01.jpg\" title=\"Restaurant La Poma\" class=\"portfolio-entry-media-link wpex-lightbox\"><img loading=\"lazy\" decoding=\"async\" data-no-lazy=\"1\" class=\"portfolio-entry-img skip-lazy\" src=\"https:\/\/www.garciafaura.com\/wp-content\/uploads\/2018\/11\/Restaurant-La-Poma-01.jpg\" alt=\"Fermetures En Aluminium Et Travaux En Verre Pour Un Restaurant Du Centre De Barcelone\" data-no-retina width=\"600\" height=\"315\" \/><\/a><\/div><div class=\"portfolio-entry-details entry-details wpex-clr\"><h2 class=\"portfolio-entry-title entry-title\"><a href=\"https:\/\/www.garciafaura.com\/fr\/portfolio-item\/restaurant-la-poma\/\" title=\"Restaurant La Poma\">Restaurant La Poma<\/a><\/h2><div class=\"portfolio-entry-categories entry-categories wpex-clr\"><a href=\"https:\/\/www.garciafaura.com\/fr\/portfolio-category\/hotels-fr\/\" class=\"term-94\">H\u00f4tels<\/a><\/div><\/div><\/div><\/div><div class=\"portfolio-entry vcex-grid-item entry-has-details span_1_of_3 col col-3 vcex-isotope-entry vcex-no-margin-entry post-20500 entry type-portfolio has-media cat-90 translation_priority-5\"><div class=\"portfolio-entry-inner entry-inner wpex-clr\"><div class=\"portfolio-entry-media entry-media wpex-clr\"><a href=\"https:\/\/www.garciafaura.com\/wp-content\/uploads\/2018\/11\/Rehabilitacio\u0301-Edifici-Diagonal-01.jpg\" title=\"R\u00e9am\u00e9nagement Immeuble Diagonal\" class=\"portfolio-entry-media-link wpex-lightbox-gallery\" data-gallery=\"[{&quot;src&quot;:&quot;https:\\\/\\\/www.garciafaura.com\\\/wp-content\\\/uploads\\\/2018\\\/11\\\/Rehabilitacio\\u0301-Edifici-Diagonal-01.jpg&quot;,&quot;title&quot;:&quot;Fa\\u00e7ade et fermetures en aluminium et verre&quot;},{&quot;src&quot;:&quot;https:\\\/\\\/www.garciafaura.com\\\/wp-content\\\/uploads\\\/2018\\\/11\\\/Rehabilitacio\\u0301-Edifici-Diagonal-03.jpg&quot;,&quot;title&quot;:&quot;Fa\\u00e7ade et fermetures en aluminium et verre&quot;},{&quot;src&quot;:&quot;https:\\\/\\\/www.garciafaura.com\\\/wp-content\\\/uploads\\\/2018\\\/11\\\/Rehabilitacio\\u0301-Edifici-Diagonal-02.jpg&quot;,&quot;title&quot;:&quot;Fa\\u00e7ade et fermetures en aluminium et verre&quot;}]\"><img loading=\"lazy\" decoding=\"async\" data-no-lazy=\"1\" class=\"portfolio-entry-img skip-lazy\" src=\"https:\/\/www.garciafaura.com\/wp-content\/uploads\/2018\/11\/Rehabilitacio\u0301-Edifici-Diagonal-01-600x314.jpg\" alt=\"Fa\u00e7ade Et Fermetures En Aluminium Et Verre\" data-no-retina width=\"600\" height=\"314\" \/><\/a><\/div><div class=\"portfolio-entry-details entry-details wpex-clr\"><h2 class=\"portfolio-entry-title entry-title\"><a href=\"https:\/\/www.garciafaura.com\/fr\/portfolio-item\/reamenagement-immeuble-diagonal\/\" title=\"R\u00e9am\u00e9nagement Immeuble Diagonal\">R\u00e9am\u00e9nagement Immeuble Diagonal<\/a><\/h2><div class=\"portfolio-entry-categories entry-categories wpex-clr\"><a href=\"https:\/\/www.garciafaura.com\/fr\/portfolio-category\/reamenagement\/\" class=\"term-90\">R\u00e9am\u00e9nagement<\/a><\/div><\/div><\/div><\/div><div class=\"portfolio-entry vcex-grid-item entry-has-details span_1_of_3 col col-1 vcex-isotope-entry vcex-no-margin-entry post-20490 entry type-portfolio has-media cat-75 cat-90 translation_priority-5\"><div class=\"portfolio-entry-inner entry-inner wpex-clr\"><div class=\"portfolio-entry-media entry-media wpex-clr\"><a href=\"https:\/\/www.garciafaura.com\/wp-content\/uploads\/2018\/11\/Rehabilitacio\u0301-Cli\u0301nica-Bonanova-01.jpg\" title=\"R\u00e9am\u00e9nagement Clinique Bonanova\" class=\"portfolio-entry-media-link wpex-lightbox-gallery\" data-gallery=\"[{&quot;src&quot;:&quot;https:\\\/\\\/www.garciafaura.com\\\/wp-content\\\/uploads\\\/2018\\\/11\\\/Rehabilitacio\\u0301-Cli\\u0301nica-Bonanova-01.jpg&quot;,&quot;title&quot;:&quot;R\\u00e9habilitation int\\u00e9grale d&#039;un b\\u00e2timent d\\u00e9saffect\\u00e9 pour accueillir des services d&#039;assistance&quot;},{&quot;src&quot;:&quot;https:\\\/\\\/www.garciafaura.com\\\/wp-content\\\/uploads\\\/2018\\\/11\\\/Rehabilitacio\\u0301-Cli\\u0301nica-Bonanova-15.jpg&quot;,&quot;title&quot;:&quot;R\\u00e9habilitation int\\u00e9grale d&#039;un b\\u00e2timent d\\u00e9saffect\\u00e9 pour accueillir des services d&#039;assistance&quot;},{&quot;src&quot;:&quot;https:\\\/\\\/www.garciafaura.com\\\/wp-content\\\/uploads\\\/2018\\\/11\\\/Rehabilitacio\\u0301-Cli\\u0301nica-Bonanova-14.jpg&quot;,&quot;title&quot;:&quot;R\\u00e9habilitation int\\u00e9grale d&#039;un b\\u00e2timent d\\u00e9saffect\\u00e9 pour accueillir des services d&#039;assistance&quot;},{&quot;src&quot;:&quot;https:\\\/\\\/www.garciafaura.com\\\/wp-content\\\/uploads\\\/2018\\\/11\\\/Rehabilitacio\\u0301-Cli\\u0301nica-Bonanova-13.jpg&quot;,&quot;title&quot;:&quot;R\\u00e9habilitation int\\u00e9grale d&#039;un b\\u00e2timent d\\u00e9saffect\\u00e9 pour accueillir des services d&#039;assistance&quot;},{&quot;src&quot;:&quot;https:\\\/\\\/www.garciafaura.com\\\/wp-content\\\/uploads\\\/2018\\\/11\\\/Rehabilitacio\\u0301-Cli\\u0301nica-Bonanova-12.jpg&quot;,&quot;title&quot;:&quot;R\\u00e9habilitation int\\u00e9grale d&#039;un b\\u00e2timent d\\u00e9saffect\\u00e9 pour accueillir des services d&#039;assistance&quot;},{&quot;src&quot;:&quot;https:\\\/\\\/www.garciafaura.com\\\/wp-content\\\/uploads\\\/2018\\\/11\\\/Rehabilitacio\\u0301-Cli\\u0301nica-Bonanova-11.jpg&quot;,&quot;title&quot;:&quot;R\\u00e9habilitation int\\u00e9grale d&#039;un b\\u00e2timent d\\u00e9saffect\\u00e9 pour accueillir des services d&#039;assistance&quot;},{&quot;src&quot;:&quot;https:\\\/\\\/www.garciafaura.com\\\/wp-content\\\/uploads\\\/2018\\\/11\\\/Rehabilitacio\\u0301-Cli\\u0301nica-Bonanova-10.jpg&quot;,&quot;title&quot;:&quot;R\\u00e9habilitation int\\u00e9grale d&#039;un b\\u00e2timent d\\u00e9saffect\\u00e9 pour accueillir des services d&#039;assistance&quot;},{&quot;src&quot;:&quot;https:\\\/\\\/www.garciafaura.com\\\/wp-content\\\/uploads\\\/2018\\\/11\\\/Rehabilitacio\\u0301-Cli\\u0301nica-Bonanova-09.jpg&quot;,&quot;title&quot;:&quot;R\\u00e9habilitation int\\u00e9grale d&#039;un b\\u00e2timent d\\u00e9saffect\\u00e9 pour accueillir des services d&#039;assistance&quot;},{&quot;src&quot;:&quot;https:\\\/\\\/www.garciafaura.com\\\/wp-content\\\/uploads\\\/2018\\\/11\\\/Rehabilitacio\\u0301-Cli\\u0301nica-Bonanova-08.jpg&quot;,&quot;title&quot;:&quot;R\\u00e9habilitation int\\u00e9grale d&#039;un b\\u00e2timent d\\u00e9saffect\\u00e9 pour accueillir des services d&#039;assistance&quot;},{&quot;src&quot;:&quot;https:\\\/\\\/www.garciafaura.com\\\/wp-content\\\/uploads\\\/2018\\\/11\\\/Rehabilitacio\\u0301-Cli\\u0301nica-Bonanova-07.jpg&quot;,&quot;title&quot;:&quot;R\\u00e9habilitation int\\u00e9grale d&#039;un b\\u00e2timent d\\u00e9saffect\\u00e9 pour accueillir des services d&#039;assistance&quot;},{&quot;src&quot;:&quot;https:\\\/\\\/www.garciafaura.com\\\/wp-content\\\/uploads\\\/2018\\\/11\\\/Rehabilitacio\\u0301-Cli\\u0301nica-Bonanova-06.jpg&quot;,&quot;title&quot;:&quot;R\\u00e9habilitation int\\u00e9grale d&#039;un b\\u00e2timent d\\u00e9saffect\\u00e9 pour accueillir des services d&#039;assistance&quot;},{&quot;src&quot;:&quot;https:\\\/\\\/www.garciafaura.com\\\/wp-content\\\/uploads\\\/2018\\\/11\\\/Rehabilitacio\\u0301-Cli\\u0301nica-Bonanova-05.jpg&quot;,&quot;title&quot;:&quot;R\\u00e9habilitation int\\u00e9grale d&#039;un b\\u00e2timent d\\u00e9saffect\\u00e9 pour accueillir des services d&#039;assistance&quot;},{&quot;src&quot;:&quot;https:\\\/\\\/www.garciafaura.com\\\/wp-content\\\/uploads\\\/2018\\\/11\\\/Rehabilitacio\\u0301-Cli\\u0301nica-Bonanova-04.jpg&quot;,&quot;title&quot;:&quot;R\\u00e9habilitation int\\u00e9grale d&#039;un b\\u00e2timent d\\u00e9saffect\\u00e9 pour accueillir des services d&#039;assistance&quot;},{&quot;src&quot;:&quot;https:\\\/\\\/www.garciafaura.com\\\/wp-content\\\/uploads\\\/2018\\\/11\\\/Rehabilitacio\\u0301-Cli\\u0301nica-Bonanova-03.jpg&quot;,&quot;title&quot;:&quot;R\\u00e9habilitation int\\u00e9grale d&#039;un b\\u00e2timent d\\u00e9saffect\\u00e9 pour accueillir des services d&#039;assistance&quot;},{&quot;src&quot;:&quot;https:\\\/\\\/www.garciafaura.com\\\/wp-content\\\/uploads\\\/2018\\\/11\\\/Rehabilitacio\\u0301-Cli\\u0301nica-Bonanova-02.jpg&quot;,&quot;title&quot;:&quot;R\\u00e9habilitation int\\u00e9grale d&#039;un b\\u00e2timent d\\u00e9saffect\\u00e9 pour accueillir des services d&#039;assistance&quot;}]\"><img loading=\"lazy\" decoding=\"async\" data-no-lazy=\"1\" class=\"portfolio-entry-img skip-lazy\" src=\"https:\/\/www.garciafaura.com\/wp-content\/uploads\/2018\/11\/Rehabilitacio\u0301-Cli\u0301nica-Bonanova-01-600x314.jpg\" alt=\"R\u00e9habilitation Int\u00e9grale D'un B\u00e2timent D\u00e9saffect\u00e9 Pour Accueillir Des Services D'assistance\" data-no-retina width=\"600\" height=\"314\" \/><\/a><\/div><div class=\"portfolio-entry-details entry-details wpex-clr\"><h2 class=\"portfolio-entry-title entry-title\"><a href=\"https:\/\/www.garciafaura.com\/fr\/portfolio-item\/reamenagement-clinique-bonanova\/\" title=\"R\u00e9am\u00e9nagement Clinique Bonanova\">R\u00e9am\u00e9nagement Clinique Bonanova<\/a><\/h2><div class=\"portfolio-entry-categories entry-categories wpex-clr\"><a href=\"https:\/\/www.garciafaura.com\/fr\/portfolio-category\/batiments-de-services\/\" class=\"term-75\">B\u00e2timents de Services<\/a><\/div><\/div><\/div><\/div><div class=\"portfolio-entry vcex-grid-item entry-has-details span_1_of_3 col col-2 vcex-isotope-entry vcex-no-margin-entry post-20489 entry type-portfolio has-media cat-75 cat-90 translation_priority-5\"><div class=\"portfolio-entry-inner entry-inner wpex-clr\"><div class=\"portfolio-entry-media entry-media wpex-clr\"><a href=\"https:\/\/www.garciafaura.com\/wp-content\/uploads\/2018\/11\/Rehabilitacio\u0301-espai-Alchemika-10.jpg\" title=\"R\u00e9am\u00e9nagement Espace Alchemika\" class=\"portfolio-entry-media-link wpex-lightbox-gallery\" data-gallery=\"[{&quot;src&quot;:&quot;https:\\\/\\\/www.garciafaura.com\\\/wp-content\\\/uploads\\\/2018\\\/11\\\/Rehabilitacio\\u0301-espai-Alchemika-01.jpg&quot;,&quot;title&quot;:&quot;Fermetures pour nouveaux b\\u00e2timents publics, autrefois occup\\u00e9s par une usine&quot;},{&quot;src&quot;:&quot;https:\\\/\\\/www.garciafaura.com\\\/wp-content\\\/uploads\\\/2018\\\/11\\\/Rehabilitacio\\u0301-espai-Alchemika-16.jpg&quot;,&quot;title&quot;:&quot;Fermetures pour nouveaux b\\u00e2timents publics, autrefois occup\\u00e9s par une usine&quot;},{&quot;src&quot;:&quot;https:\\\/\\\/www.garciafaura.com\\\/wp-content\\\/uploads\\\/2018\\\/11\\\/Rehabilitacio\\u0301-espai-Alchemika-15.jpg&quot;,&quot;title&quot;:&quot;Fermetures pour nouveaux b\\u00e2timents publics, autrefois occup\\u00e9s par une usine&quot;},{&quot;src&quot;:&quot;https:\\\/\\\/www.garciafaura.com\\\/wp-content\\\/uploads\\\/2018\\\/11\\\/Rehabilitacio\\u0301-espai-Alchemika-14.jpg&quot;,&quot;title&quot;:&quot;Fermetures pour nouveaux b\\u00e2timents publics, autrefois occup\\u00e9s par une usine&quot;},{&quot;src&quot;:&quot;https:\\\/\\\/www.garciafaura.com\\\/wp-content\\\/uploads\\\/2018\\\/11\\\/Rehabilitacio\\u0301-espai-Alchemika-13.jpg&quot;,&quot;title&quot;:&quot;Fermetures pour nouveaux b\\u00e2timents publics, autrefois occup\\u00e9s par une usine&quot;},{&quot;src&quot;:&quot;https:\\\/\\\/www.garciafaura.com\\\/wp-content\\\/uploads\\\/2018\\\/11\\\/Rehabilitacio\\u0301-espai-Alchemika-12.jpg&quot;,&quot;title&quot;:&quot;Fermetures pour nouveaux b\\u00e2timents publics, autrefois occup\\u00e9s par une usine&quot;},{&quot;src&quot;:&quot;https:\\\/\\\/www.garciafaura.com\\\/wp-content\\\/uploads\\\/2018\\\/11\\\/Rehabilitacio\\u0301-espai-Alchemika-11.jpg&quot;,&quot;title&quot;:&quot;Fermetures pour nouveaux b\\u00e2timents publics, autrefois occup\\u00e9s par une usine&quot;},{&quot;src&quot;:&quot;https:\\\/\\\/www.garciafaura.com\\\/wp-content\\\/uploads\\\/2018\\\/11\\\/Rehabilitacio\\u0301-espai-Alchemika-10.jpg&quot;,&quot;title&quot;:&quot;Fermetures pour nouveaux b\\u00e2timents publics, autrefois occup\\u00e9s par une usine&quot;},{&quot;src&quot;:&quot;https:\\\/\\\/www.garciafaura.com\\\/wp-content\\\/uploads\\\/2018\\\/11\\\/Rehabilitacio\\u0301-espai-Alchemika-09.jpg&quot;,&quot;title&quot;:&quot;Fermetures pour nouveaux b\\u00e2timents publics, autrefois occup\\u00e9s par une usine&quot;},{&quot;src&quot;:&quot;https:\\\/\\\/www.garciafaura.com\\\/wp-content\\\/uploads\\\/2018\\\/11\\\/Rehabilitacio\\u0301-espai-Alchemika-08.jpg&quot;,&quot;title&quot;:&quot;Fermetures pour nouveaux b\\u00e2timents publics, autrefois occup\\u00e9s par une usine&quot;},{&quot;src&quot;:&quot;https:\\\/\\\/www.garciafaura.com\\\/wp-content\\\/uploads\\\/2018\\\/11\\\/Rehabilitacio\\u0301-espai-Alchemika-07.jpg&quot;,&quot;title&quot;:&quot;Fermetures pour nouveaux b\\u00e2timents publics, autrefois occup\\u00e9s par une usine&quot;},{&quot;src&quot;:&quot;https:\\\/\\\/www.garciafaura.com\\\/wp-content\\\/uploads\\\/2018\\\/11\\\/Rehabilitacio\\u0301-espai-Alchemika-06.jpg&quot;,&quot;title&quot;:&quot;Fermetures pour nouveaux b\\u00e2timents publics, autrefois occup\\u00e9s par une usine&quot;},{&quot;src&quot;:&quot;https:\\\/\\\/www.garciafaura.com\\\/wp-content\\\/uploads\\\/2018\\\/11\\\/Rehabilitacio\\u0301-espai-Alchemika-05.jpg&quot;,&quot;title&quot;:&quot;Fermetures pour nouveaux b\\u00e2timents publics, autrefois occup\\u00e9s par une usine&quot;},{&quot;src&quot;:&quot;https:\\\/\\\/www.garciafaura.com\\\/wp-content\\\/uploads\\\/2018\\\/11\\\/Rehabilitacio\\u0301-espai-Alchemika-04.jpg&quot;,&quot;title&quot;:&quot;Fermetures pour nouveaux b\\u00e2timents publics, autrefois occup\\u00e9s par une usine&quot;},{&quot;src&quot;:&quot;https:\\\/\\\/www.garciafaura.com\\\/wp-content\\\/uploads\\\/2018\\\/11\\\/Rehabilitacio\\u0301-espai-Alchemika-03.jpg&quot;,&quot;title&quot;:&quot;Fermetures pour nouveaux b\\u00e2timents publics, autrefois occup\\u00e9s par une usine&quot;},{&quot;src&quot;:&quot;https:\\\/\\\/www.garciafaura.com\\\/wp-content\\\/uploads\\\/2018\\\/11\\\/Rehabilitacio\\u0301-espai-Alchemika-02.jpg&quot;,&quot;title&quot;:&quot;Fermetures pour nouveaux b\\u00e2timents publics, autrefois occup\\u00e9s par une usine&quot;}]\"><img loading=\"lazy\" decoding=\"async\" data-no-lazy=\"1\" class=\"portfolio-entry-img skip-lazy\" src=\"https:\/\/www.garciafaura.com\/wp-content\/uploads\/2018\/11\/Rehabilitacio\u0301-espai-Alchemika-10-600x314.jpg\" alt=\"Fermetures Pour Nouveaux B\u00e2timents Publics, Autrefois Occup\u00e9s Par Une Usine\" data-no-retina width=\"600\" height=\"314\" \/><\/a><\/div><div class=\"portfolio-entry-details entry-details wpex-clr\"><h2 class=\"portfolio-entry-title entry-title\"><a href=\"https:\/\/www.garciafaura.com\/fr\/portfolio-item\/reamenagement-espace-alchemika\/\" title=\"R\u00e9am\u00e9nagement Espace Alchemika\">R\u00e9am\u00e9nagement Espace Alchemika<\/a><\/h2><div class=\"portfolio-entry-categories entry-categories wpex-clr\"><a href=\"https:\/\/www.garciafaura.com\/fr\/portfolio-category\/batiments-de-services\/\" class=\"term-75\">B\u00e2timents de Services<\/a><\/div><\/div><\/div><\/div><div class=\"portfolio-entry vcex-grid-item entry-has-details span_1_of_3 col col-3 vcex-isotope-entry vcex-no-margin-entry post-20488 entry type-portfolio has-media cat-94 cat-90 cat-101 translation_priority-5\"><div class=\"portfolio-entry-inner entry-inner wpex-clr\"><div class=\"portfolio-entry-media entry-media wpex-clr\"><a href=\"https:\/\/www.garciafaura.com\/wp-content\/uploads\/2018\/11\/Rehabilitacio\u0301-edifici-Mango-01.jpg\" title=\"R\u00e9am\u00e9nagement Immeuble Mango\" class=\"portfolio-entry-media-link wpex-lightbox-gallery\" data-gallery=\"[{&quot;src&quot;:&quot;https:\\\/\\\/www.garciafaura.com\\\/wp-content\\\/uploads\\\/2018\\\/11\\\/Rehabilitacio\\u0301-edifici-Mango-01.jpg&quot;,&quot;title&quot;:&quot;R\\u00e9am\\u00e9nagement d&#039;un b\\u00e2timent historique de Barcelone pour en faire un h\\u00f4tel&quot;},{&quot;src&quot;:&quot;https:\\\/\\\/www.garciafaura.com\\\/wp-content\\\/uploads\\\/2018\\\/11\\\/Rehabilitacio\\u0301-edifici-Mango-13.jpg&quot;,&quot;title&quot;:&quot;R\\u00e9am\\u00e9nagement d&#039;un b\\u00e2timent historique de Barcelone pour en faire un h\\u00f4tel&quot;},{&quot;src&quot;:&quot;https:\\\/\\\/www.garciafaura.com\\\/wp-content\\\/uploads\\\/2018\\\/11\\\/Rehabilitacio\\u0301-edifici-Mango-12.jpg&quot;,&quot;title&quot;:&quot;R\\u00e9am\\u00e9nagement d&#039;un b\\u00e2timent historique de Barcelone pour en faire un h\\u00f4tel&quot;},{&quot;src&quot;:&quot;https:\\\/\\\/www.garciafaura.com\\\/wp-content\\\/uploads\\\/2018\\\/11\\\/Rehabilitacio\\u0301-edifici-Mango-11.jpg&quot;,&quot;title&quot;:&quot;R\\u00e9am\\u00e9nagement d&#039;un b\\u00e2timent historique de Barcelone pour en faire un h\\u00f4tel&quot;},{&quot;src&quot;:&quot;https:\\\/\\\/www.garciafaura.com\\\/wp-content\\\/uploads\\\/2018\\\/11\\\/Rehabilitacio\\u0301-edifici-Mango-10.jpg&quot;,&quot;title&quot;:&quot;R\\u00e9am\\u00e9nagement d&#039;un b\\u00e2timent historique de Barcelone pour en faire un h\\u00f4tel&quot;},{&quot;src&quot;:&quot;https:\\\/\\\/www.garciafaura.com\\\/wp-content\\\/uploads\\\/2018\\\/11\\\/Rehabilitacio\\u0301-edifici-Mango-09.jpg&quot;,&quot;title&quot;:&quot;R\\u00e9am\\u00e9nagement d&#039;un b\\u00e2timent historique de Barcelone pour en faire un h\\u00f4tel&quot;},{&quot;src&quot;:&quot;https:\\\/\\\/www.garciafaura.com\\\/wp-content\\\/uploads\\\/2018\\\/11\\\/Rehabilitacio\\u0301-edifici-Mango-08.jpg&quot;,&quot;title&quot;:&quot;R\\u00e9am\\u00e9nagement d&#039;un b\\u00e2timent historique de Barcelone pour en faire un h\\u00f4tel&quot;},{&quot;src&quot;:&quot;https:\\\/\\\/www.garciafaura.com\\\/wp-content\\\/uploads\\\/2018\\\/11\\\/Rehabilitacio\\u0301-edifici-Mango-07.jpg&quot;,&quot;title&quot;:&quot;R\\u00e9am\\u00e9nagement d&#039;un b\\u00e2timent historique de Barcelone pour en faire un h\\u00f4tel&quot;},{&quot;src&quot;:&quot;https:\\\/\\\/www.garciafaura.com\\\/wp-content\\\/uploads\\\/2018\\\/11\\\/Rehabilitacio\\u0301-edifici-Mango-06.jpg&quot;,&quot;title&quot;:&quot;R\\u00e9am\\u00e9nagement d&#039;un b\\u00e2timent historique de Barcelone pour en faire un h\\u00f4tel&quot;},{&quot;src&quot;:&quot;https:\\\/\\\/www.garciafaura.com\\\/wp-content\\\/uploads\\\/2018\\\/11\\\/Rehabilitacio\\u0301-edifici-Mango-05.jpg&quot;,&quot;title&quot;:&quot;R\\u00e9am\\u00e9nagement d&#039;un b\\u00e2timent historique de Barcelone pour en faire un h\\u00f4tel&quot;},{&quot;src&quot;:&quot;https:\\\/\\\/www.garciafaura.com\\\/wp-content\\\/uploads\\\/2018\\\/11\\\/Rehabilitacio\\u0301-edifici-Mango-04.jpg&quot;,&quot;title&quot;:&quot;R\\u00e9am\\u00e9nagement d&#039;un b\\u00e2timent historique de Barcelone pour en faire un h\\u00f4tel&quot;},{&quot;src&quot;:&quot;https:\\\/\\\/www.garciafaura.com\\\/wp-content\\\/uploads\\\/2018\\\/11\\\/Rehabilitacio\\u0301-edifici-Mango-03.jpg&quot;,&quot;title&quot;:&quot;R\\u00e9am\\u00e9nagement d&#039;un b\\u00e2timent historique de Barcelone pour en faire un h\\u00f4tel&quot;},{&quot;src&quot;:&quot;https:\\\/\\\/www.garciafaura.com\\\/wp-content\\\/uploads\\\/2018\\\/11\\\/Rehabilitacio\\u0301-edifici-Mango-02.jpg&quot;,&quot;title&quot;:&quot;R\\u00e9am\\u00e9nagement d&#039;un b\\u00e2timent historique de Barcelone pour en faire un h\\u00f4tel&quot;}]\"><img loading=\"lazy\" decoding=\"async\" data-no-lazy=\"1\" class=\"portfolio-entry-img skip-lazy\" src=\"https:\/\/www.garciafaura.com\/wp-content\/uploads\/2018\/11\/Rehabilitacio\u0301-edifici-Mango-01-600x314.jpg\" alt=\"R\u00e9am\u00e9nagement D'un B\u00e2timent Historique De Barcelone Pour En Faire Un H\u00f4tel\" data-no-retina width=\"600\" height=\"314\" \/><\/a><\/div><div class=\"portfolio-entry-details entry-details wpex-clr\"><h2 class=\"portfolio-entry-title entry-title\"><a href=\"https:\/\/www.garciafaura.com\/fr\/portfolio-item\/reamenagement-immeuble-mango\/\" title=\"R\u00e9am\u00e9nagement Immeuble Mango\">R\u00e9am\u00e9nagement Immeuble Mango<\/a><\/h2><div class=\"portfolio-entry-categories entry-categories wpex-clr\"><a href=\"https:\/\/www.garciafaura.com\/fr\/portfolio-category\/hotels-fr\/\" class=\"term-94\">H\u00f4tels<\/a><\/div><\/div><\/div><\/div><div class=\"portfolio-entry vcex-grid-item entry-has-details span_1_of_3 col col-1 vcex-isotope-entry vcex-no-margin-entry post-20469 entry type-portfolio has-media cat-75 cat-90 translation_priority-5\"><div class=\"portfolio-entry-inner entry-inner wpex-clr\"><div class=\"portfolio-entry-media entry-media wpex-clr\"><a href=\"https:\/\/www.garciafaura.com\/wp-content\/uploads\/2018\/11\/Escola-Enxaneta-Valls-01.jpg\" title=\"\u00c9cole Enxaneta\" class=\"portfolio-entry-media-link wpex-lightbox-gallery\" data-gallery=\"[{&quot;src&quot;:&quot;https:\\\/\\\/www.garciafaura.com\\\/wp-content\\\/uploads\\\/2018\\\/11\\\/Escola-Enxaneta-Valls-01.jpg&quot;,&quot;title&quot;:&quot;Fermetures dans r\\u00e9novation de couvent du XIX\\u00e8me si\\u00e8cle pour accueillir une \\u00e9cole publique \\u00e0 Valls&quot;}]\"><img decoding=\"async\" data-no-lazy=\"1\" class=\"portfolio-entry-img skip-lazy\" src=\"https:\/\/www.garciafaura.com\/wp-content\/uploads\/2018\/11\/Escola-Enxaneta-Valls-01-x.jpg\" alt=\"Fermetures Dans R\u00e9novation De Couvent Du XIX\u00e8me Si\u00e8cle Pour Accueillir Une \u00e9cole Publique \u00e0 Valls\" data-no-retina \/><\/a><\/div><div class=\"portfolio-entry-details entry-details wpex-clr\"><h2 class=\"portfolio-entry-title entry-title\"><a href=\"https:\/\/www.garciafaura.com\/fr\/portfolio-item\/ecole-enxaneta\/\" title=\"\u00c9cole Enxaneta\">\u00c9cole Enxaneta<\/a><\/h2><div class=\"portfolio-entry-categories entry-categories wpex-clr\"><a href=\"https:\/\/www.garciafaura.com\/fr\/portfolio-category\/batiments-de-services\/\" class=\"term-75\">B\u00e2timents de Services<\/a><\/div><\/div><\/div><\/div><div class=\"portfolio-entry vcex-grid-item entry-has-details span_1_of_3 col col-2 vcex-isotope-entry vcex-no-margin-entry post-20464 entry type-portfolio has-media cat-93 cat-90 cat-101 translation_priority-5\"><div class=\"portfolio-entry-inner entry-inner wpex-clr\"><div class=\"portfolio-entry-media entry-media wpex-clr\"><a href=\"https:\/\/www.garciafaura.com\/wp-content\/uploads\/2018\/11\/Rehabilitacio\u0301-Mercat-del-Ninot-01.jpg\" title=\"R\u00e9am\u00e9nagement March\u00e9 du Ninot\" class=\"portfolio-entry-media-link wpex-lightbox-gallery\" data-gallery=\"[{&quot;src&quot;:&quot;https:\\\/\\\/www.garciafaura.com\\\/wp-content\\\/uploads\\\/2018\\\/11\\\/Rehabilitacio\\u0301-Mercat-del-Ninot-01.jpg&quot;,&quot;title&quot;:&quot;Fa\\u00e7ade et fermetures ext\\u00e9rieures pour cet embl\\u00e9matique march\\u00e9 de Barcelone&quot;},{&quot;src&quot;:&quot;https:\\\/\\\/www.garciafaura.com\\\/wp-content\\\/uploads\\\/2018\\\/11\\\/Rehabilitacio\\u0301-Mercat-del-Ninot-10.jpg&quot;,&quot;title&quot;:&quot;Fa\\u00e7ade et fermetures ext\\u00e9rieures pour cet embl\\u00e9matique march\\u00e9 de Barcelone&quot;},{&quot;src&quot;:&quot;https:\\\/\\\/www.garciafaura.com\\\/wp-content\\\/uploads\\\/2018\\\/11\\\/Rehabilitacio\\u0301-Mercat-del-Ninot-09.jpg&quot;,&quot;title&quot;:&quot;Fa\\u00e7ade et fermetures ext\\u00e9rieures pour cet embl\\u00e9matique march\\u00e9 de Barcelone&quot;},{&quot;src&quot;:&quot;https:\\\/\\\/www.garciafaura.com\\\/wp-content\\\/uploads\\\/2018\\\/11\\\/Rehabilitacio\\u0301-Mercat-del-Ninot-08.jpg&quot;,&quot;title&quot;:&quot;Fa\\u00e7ade et fermetures ext\\u00e9rieures pour cet embl\\u00e9matique march\\u00e9 de Barcelone&quot;},{&quot;src&quot;:&quot;https:\\\/\\\/www.garciafaura.com\\\/wp-content\\\/uploads\\\/2018\\\/11\\\/Rehabilitacio\\u0301-Mercat-del-Ninot-07.jpg&quot;,&quot;title&quot;:&quot;Fa\\u00e7ade et fermetures ext\\u00e9rieures pour cet embl\\u00e9matique march\\u00e9 de Barcelone&quot;},{&quot;src&quot;:&quot;https:\\\/\\\/www.garciafaura.com\\\/wp-content\\\/uploads\\\/2018\\\/11\\\/Rehabilitacio\\u0301-Mercat-del-Ninot-06.jpg&quot;,&quot;title&quot;:&quot;Fa\\u00e7ade et fermetures ext\\u00e9rieures pour cet embl\\u00e9matique march\\u00e9 de Barcelone&quot;},{&quot;src&quot;:&quot;https:\\\/\\\/www.garciafaura.com\\\/wp-content\\\/uploads\\\/2018\\\/11\\\/Rehabilitacio\\u0301-Mercat-del-Ninot-05.jpg&quot;,&quot;title&quot;:&quot;Fa\\u00e7ade et fermetures ext\\u00e9rieures pour cet embl\\u00e9matique march\\u00e9 de Barcelone&quot;},{&quot;src&quot;:&quot;https:\\\/\\\/www.garciafaura.com\\\/wp-content\\\/uploads\\\/2018\\\/11\\\/Rehabilitacio\\u0301-Mercat-del-Ninot-04.jpg&quot;,&quot;title&quot;:&quot;Fa\\u00e7ade et fermetures ext\\u00e9rieures pour cet embl\\u00e9matique march\\u00e9 de Barcelone&quot;},{&quot;src&quot;:&quot;https:\\\/\\\/www.garciafaura.com\\\/wp-content\\\/uploads\\\/2018\\\/11\\\/Rehabilitacio\\u0301-Mercat-del-Ninot-03.jpg&quot;,&quot;title&quot;:&quot;Fa\\u00e7ade et fermetures ext\\u00e9rieures pour cet embl\\u00e9matique march\\u00e9 de Barcelone&quot;},{&quot;src&quot;:&quot;https:\\\/\\\/www.garciafaura.com\\\/wp-content\\\/uploads\\\/2018\\\/11\\\/Rehabilitacio\\u0301-Mercat-del-Ninot-02.jpg&quot;,&quot;title&quot;:&quot;Fa\\u00e7ade et fermetures ext\\u00e9rieures pour cet embl\\u00e9matique march\\u00e9 de Barcelone&quot;}]\"><img loading=\"lazy\" decoding=\"async\" data-no-lazy=\"1\" class=\"portfolio-entry-img skip-lazy\" src=\"https:\/\/www.garciafaura.com\/wp-content\/uploads\/2018\/11\/Rehabilitacio\u0301-Mercat-del-Ninot-01-600x314.jpg\" alt=\"Fa\u00e7ade Et Fermetures Ext\u00e9rieures Pour Cet Embl\u00e9matique March\u00e9 De Barcelone\" data-no-retina width=\"600\" height=\"314\" \/><\/a><\/div><div class=\"portfolio-entry-details entry-details wpex-clr\"><h2 class=\"portfolio-entry-title entry-title\"><a href=\"https:\/\/www.garciafaura.com\/fr\/portfolio-item\/reamenagement-marche-du-ninot\/\" title=\"R\u00e9am\u00e9nagement March\u00e9 du Ninot\">R\u00e9am\u00e9nagement March\u00e9 du Ninot<\/a><\/h2><div class=\"portfolio-entry-categories entry-categories wpex-clr\"><a href=\"https:\/\/www.garciafaura.com\/fr\/portfolio-category\/facades-fr\/\" class=\"term-93\">Fa\u00e7ades<\/a><\/div><\/div><\/div><\/div><div class=\"portfolio-entry vcex-grid-item entry-has-details span_1_of_3 col col-3 vcex-isotope-entry vcex-no-margin-entry post-20462 entry type-portfolio has-media cat-75 cat-90 translation_priority-5\"><div class=\"portfolio-entry-inner entry-inner wpex-clr\"><div class=\"portfolio-entry-media entry-media wpex-clr\"><a href=\"https:\/\/www.garciafaura.com\/wp-content\/uploads\/2018\/11\/Rehabilitacio\u0301-Cli\u0301nica-Suma-01.jpg\" title=\"R\u00e9am\u00e9nagement Clinique Sant Honorat\" class=\"portfolio-entry-media-link wpex-lightbox-gallery\" data-gallery=\"[{&quot;src&quot;:&quot;https:\\\/\\\/www.garciafaura.com\\\/wp-content\\\/uploads\\\/2018\\\/11\\\/Rehabilitacio\\u0301-Cli\\u0301nica-Suma-01.jpg&quot;,&quot;title&quot;:&quot;R\\u00e9habilitation de l&#039;ancienne Clinique Sant Honorat de Barcelone&quot;},{&quot;src&quot;:&quot;https:\\\/\\\/www.garciafaura.com\\\/wp-content\\\/uploads\\\/2018\\\/11\\\/Rehabilitacio\\u0301-Cli\\u0301nica-Suma-07.jpg&quot;,&quot;title&quot;:&quot;R\\u00e9habilitation de l&#039;ancienne Clinique Sant Honorat de Barcelone&quot;},{&quot;src&quot;:&quot;https:\\\/\\\/www.garciafaura.com\\\/wp-content\\\/uploads\\\/2018\\\/11\\\/Rehabilitacio\\u0301-Cli\\u0301nica-Suma-06.jpg&quot;,&quot;title&quot;:&quot;R\\u00e9habilitation de l&#039;ancienne Clinique Sant Honorat de Barcelone&quot;},{&quot;src&quot;:&quot;https:\\\/\\\/www.garciafaura.com\\\/wp-content\\\/uploads\\\/2018\\\/11\\\/Rehabilitacio\\u0301-Cli\\u0301nica-Suma-05.jpg&quot;,&quot;title&quot;:&quot;R\\u00e9habilitation de l&#039;ancienne Clinique Sant Honorat de Barcelone&quot;},{&quot;src&quot;:&quot;https:\\\/\\\/www.garciafaura.com\\\/wp-content\\\/uploads\\\/2018\\\/11\\\/Rehabilitacio\\u0301-Cli\\u0301nica-Suma-04.jpg&quot;,&quot;title&quot;:&quot;R\\u00e9habilitation de l&#039;ancienne Clinique Sant Honorat de Barcelone&quot;},{&quot;src&quot;:&quot;https:\\\/\\\/www.garciafaura.com\\\/wp-content\\\/uploads\\\/2018\\\/11\\\/Rehabilitacio\\u0301-Cli\\u0301nica-Suma-03.jpg&quot;,&quot;title&quot;:&quot;R\\u00e9habilitation de l&#039;ancienne Clinique Sant Honorat de Barcelone&quot;},{&quot;src&quot;:&quot;https:\\\/\\\/www.garciafaura.com\\\/wp-content\\\/uploads\\\/2018\\\/11\\\/Rehabilitacio\\u0301-Cli\\u0301nica-Suma-02.jpg&quot;,&quot;title&quot;:&quot;R\\u00e9habilitation de l&#039;ancienne Clinique Sant Honorat de Barcelone&quot;}]\"><img loading=\"lazy\" decoding=\"async\" data-no-lazy=\"1\" class=\"portfolio-entry-img skip-lazy\" src=\"https:\/\/www.garciafaura.com\/wp-content\/uploads\/2018\/11\/Rehabilitacio\u0301-Cli\u0301nica-Suma-01-600x314.jpg\" alt=\"R\u00e9habilitation De L'ancienne Clinique Sant Honorat De Barcelone\" data-no-retina width=\"600\" height=\"314\" \/><\/a><\/div><div class=\"portfolio-entry-details entry-details wpex-clr\"><h2 class=\"portfolio-entry-title entry-title\"><a href=\"https:\/\/www.garciafaura.com\/fr\/portfolio-item\/reamenagement-clinique-sant-honorat\/\" title=\"R\u00e9am\u00e9nagement Clinique Sant Honorat\">R\u00e9am\u00e9nagement Clinique Sant Honorat<\/a><\/h2><div class=\"portfolio-entry-categories entry-categories wpex-clr\"><a href=\"https:\/\/www.garciafaura.com\/fr\/portfolio-category\/batiments-de-services\/\" class=\"term-75\">B\u00e2timents de Services<\/a><\/div><\/div><\/div><\/div><div class=\"portfolio-entry vcex-grid-item entry-has-details span_1_of_3 col col-1 vcex-isotope-entry vcex-no-margin-entry post-20461 entry type-portfolio has-media cat-69 cat-102 cat-93 cat-95 cat-97 cat-98 cat-90 cat-101 translation_priority-5\"><div class=\"portfolio-entry-inner entry-inner wpex-clr\"><div class=\"portfolio-entry-media entry-media wpex-clr\"><a href=\"https:\/\/www.garciafaura.com\/wp-content\/uploads\/2019\/04\/02-Oficines-Boulevard-Grenelle-FotoSimonGarcia_arqfoto.jpg\" title=\"Boulevard Grenelle\" class=\"portfolio-entry-media-link wpex-lightbox-gallery\" data-gallery=\"[{&quot;src&quot;:&quot;https:\\\/\\\/www.garciafaura.com\\\/wp-content\\\/uploads\\\/2019\\\/04\\\/02-Oficines-Boulevard-Grenelle-FotoSimonGarcia_arqfoto.jpg&quot;,&quot;caption&quot;:&quot;\\u00a9 Simon Garcia | arqfoto.com&quot;},{&quot;src&quot;:&quot;https:\\\/\\\/www.garciafaura.com\\\/wp-content\\\/uploads\\\/2019\\\/04\\\/01-Oficines-Boulevard-Grenelle-FotoSimonGarcia_arqfoto.jpg&quot;,&quot;caption&quot;:&quot;\\u00a9 Simon Garcia | arqfoto.com&quot;},{&quot;src&quot;:&quot;https:\\\/\\\/www.garciafaura.com\\\/wp-content\\\/uploads\\\/2019\\\/04\\\/10-Oficines-Boulevard-Grenelle-FotoSimonGarcia_arqfoto.jpg&quot;,&quot;caption&quot;:&quot;\\u00a9 Simon Garcia | arqfoto.com&quot;},{&quot;src&quot;:&quot;https:\\\/\\\/www.garciafaura.com\\\/wp-content\\\/uploads\\\/2019\\\/04\\\/09-Oficines-Boulevard-Grenelle-FotoSimonGarcia_arqfoto.jpg&quot;,&quot;caption&quot;:&quot;\\u00a9 Simon Garcia | arqfoto.com&quot;},{&quot;src&quot;:&quot;https:\\\/\\\/www.garciafaura.com\\\/wp-content\\\/uploads\\\/2019\\\/04\\\/08-Oficines-Boulevard-Grenelle-FotoSimonGarcia_arqfoto.jpg&quot;,&quot;caption&quot;:&quot;\\u00a9 Simon Garcia | arqfoto.com&quot;},{&quot;src&quot;:&quot;https:\\\/\\\/www.garciafaura.com\\\/wp-content\\\/uploads\\\/2019\\\/04\\\/07-Oficines-Boulevard-Grenelle-FotoSimonGarcia_arqfoto.jpg&quot;,&quot;caption&quot;:&quot;\\u00a9 Simon Garcia | arqfoto.com&quot;},{&quot;src&quot;:&quot;https:\\\/\\\/www.garciafaura.com\\\/wp-content\\\/uploads\\\/2019\\\/04\\\/06-Oficines-Boulevard-Grenelle-FotoSimonGarcia_arqfoto.jpg&quot;,&quot;caption&quot;:&quot;\\u00a9 Simon Garcia | arqfoto.com&quot;},{&quot;src&quot;:&quot;https:\\\/\\\/www.garciafaura.com\\\/wp-content\\\/uploads\\\/2019\\\/04\\\/05-Oficines-Boulevard-Grenelle-FotoSimonGarcia_arqfoto.jpg&quot;,&quot;caption&quot;:&quot;\\u00a9 Simon Garcia | arqfoto.com&quot;},{&quot;src&quot;:&quot;https:\\\/\\\/www.garciafaura.com\\\/wp-content\\\/uploads\\\/2019\\\/04\\\/04-Oficines-Boulevard-Grenelle-FotoSimonGarcia_arqfoto.jpg&quot;,&quot;caption&quot;:&quot;\\u00a9 Simon Garcia | arqfoto.com&quot;},{&quot;src&quot;:&quot;https:\\\/\\\/www.garciafaura.com\\\/wp-content\\\/uploads\\\/2019\\\/04\\\/03-Oficines-Boulevard-Grenelle-FotoSimonGarcia_arqfoto.jpg&quot;,&quot;caption&quot;:&quot;\\u00a9 Simon Garcia | arqfoto.com&quot;}]\"><img loading=\"lazy\" decoding=\"async\" data-no-lazy=\"1\" class=\"portfolio-entry-img skip-lazy\" src=\"https:\/\/www.garciafaura.com\/wp-content\/uploads\/2019\/04\/02-Oficines-Boulevard-Grenelle-FotoSimonGarcia_arqfoto-600x314.jpg\" alt='' data-no-retina width=\"600\" height=\"314\" \/><\/a><\/div><div class=\"portfolio-entry-details entry-details wpex-clr\"><h2 class=\"portfolio-entry-title entry-title\"><a href=\"https:\/\/www.garciafaura.com\/fr\/portfolio-item\/boulevard-grenelle\/\" title=\"Boulevard Grenelle\">Boulevard Grenelle<\/a><\/h2><div class=\"portfolio-entry-categories entry-categories wpex-clr\"><a href=\"https:\/\/www.garciafaura.com\/fr\/portfolio-category\/international-remarquable\/\" class=\"term-98\">International Remarquable<\/a><\/div><\/div><\/div><\/div><div class=\"portfolio-entry vcex-grid-item entry-has-details span_1_of_3 col col-2 vcex-isotope-entry vcex-no-margin-entry post-20460 entry type-portfolio has-media cat-93 cat-94 cat-90 cat-101 translation_priority-5\"><div class=\"portfolio-entry-inner entry-inner wpex-clr\"><div class=\"portfolio-entry-media entry-media wpex-clr\"><a href=\"https:\/\/www.garciafaura.com\/wp-content\/uploads\/2019\/04\/MTP02599.jpg\" title=\"R\u00e9am\u00e9nagement Hotel Nobu Torre Catalunya\" class=\"portfolio-entry-media-link wpex-lightbox-gallery\" data-gallery=\"[{&quot;src&quot;:&quot;https:\\\/\\\/www.garciafaura.com\\\/wp-content\\\/uploads\\\/2019\\\/04\\\/MTP02599.jpg&quot;,&quot;title&quot;:&quot;Nobu Barcelona Garcia Faura&quot;},{&quot;src&quot;:&quot;https:\\\/\\\/www.garciafaura.com\\\/wp-content\\\/uploads\\\/2019\\\/04\\\/MTP02650.jpg&quot;,&quot;title&quot;:&quot;Nobu Barcelona Garcia Faura&quot;},{&quot;src&quot;:&quot;https:\\\/\\\/www.garciafaura.com\\\/wp-content\\\/uploads\\\/2019\\\/04\\\/MTP02645.jpg&quot;,&quot;title&quot;:&quot;Nobu Barcelona Garcia Faura&quot;},{&quot;src&quot;:&quot;https:\\\/\\\/www.garciafaura.com\\\/wp-content\\\/uploads\\\/2019\\\/04\\\/MTP02644.jpg&quot;,&quot;title&quot;:&quot;Nobu Barcelona Garcia Faura&quot;},{&quot;src&quot;:&quot;https:\\\/\\\/www.garciafaura.com\\\/wp-content\\\/uploads\\\/2019\\\/04\\\/MTP02641.jpg&quot;,&quot;title&quot;:&quot;Nobu Barcelona Garcia Faura&quot;},{&quot;src&quot;:&quot;https:\\\/\\\/www.garciafaura.com\\\/wp-content\\\/uploads\\\/2019\\\/04\\\/MTP02636.jpg&quot;,&quot;title&quot;:&quot;Nobu Barcelona Garcia Faura&quot;},{&quot;src&quot;:&quot;https:\\\/\\\/www.garciafaura.com\\\/wp-content\\\/uploads\\\/2019\\\/04\\\/MTP02634.jpg&quot;,&quot;title&quot;:&quot;Nobu Barcelona Garcia Faura&quot;},{&quot;src&quot;:&quot;https:\\\/\\\/www.garciafaura.com\\\/wp-content\\\/uploads\\\/2019\\\/04\\\/MTP02628.jpg&quot;,&quot;title&quot;:&quot;Nobu Barcelona Garcia Faura&quot;},{&quot;src&quot;:&quot;https:\\\/\\\/www.garciafaura.com\\\/wp-content\\\/uploads\\\/2019\\\/04\\\/MTP02615.jpg&quot;,&quot;title&quot;:&quot;Nobu Barcelona Garcia Faura&quot;},{&quot;src&quot;:&quot;https:\\\/\\\/www.garciafaura.com\\\/wp-content\\\/uploads\\\/2019\\\/04\\\/MTP02612.jpg&quot;,&quot;title&quot;:&quot;Nobu Barcelona Garcia Faura&quot;},{&quot;src&quot;:&quot;https:\\\/\\\/www.garciafaura.com\\\/wp-content\\\/uploads\\\/2019\\\/04\\\/MTP02602.jpg&quot;,&quot;title&quot;:&quot;Nobu Barcelona Garcia Faura&quot;},{&quot;src&quot;:&quot;https:\\\/\\\/www.garciafaura.com\\\/wp-content\\\/uploads\\\/2019\\\/04\\\/MTP02598.jpg&quot;,&quot;title&quot;:&quot;Nobu Barcelona Garcia Faura&quot;},{&quot;src&quot;:&quot;https:\\\/\\\/www.garciafaura.com\\\/wp-content\\\/uploads\\\/2019\\\/04\\\/MTP02593.jpg&quot;,&quot;title&quot;:&quot;Nobu Barcelona Garcia Faura&quot;},{&quot;src&quot;:&quot;https:\\\/\\\/www.garciafaura.com\\\/wp-content\\\/uploads\\\/2019\\\/04\\\/MTP02589.jpg&quot;,&quot;title&quot;:&quot;Nobu Barcelona Garcia Faura&quot;},{&quot;src&quot;:&quot;https:\\\/\\\/www.garciafaura.com\\\/wp-content\\\/uploads\\\/2019\\\/04\\\/MTP02587.jpg&quot;,&quot;title&quot;:&quot;Nobu Barcelona Garcia Faura&quot;},{&quot;src&quot;:&quot;https:\\\/\\\/www.garciafaura.com\\\/wp-content\\\/uploads\\\/2019\\\/04\\\/MTP02526.jpg&quot;,&quot;title&quot;:&quot;Nobu Barcelona Garcia Faura&quot;},{&quot;src&quot;:&quot;https:\\\/\\\/www.garciafaura.com\\\/wp-content\\\/uploads\\\/2019\\\/04\\\/IMG_6290.jpg&quot;,&quot;title&quot;:&quot;Nobu Barcelona Garcia Faura&quot;},{&quot;src&quot;:&quot;https:\\\/\\\/www.garciafaura.com\\\/wp-content\\\/uploads\\\/2019\\\/04\\\/IMG_6286.jpg&quot;,&quot;title&quot;:&quot;Nobu Barcelona Garcia Faura&quot;},{&quot;src&quot;:&quot;https:\\\/\\\/www.garciafaura.com\\\/wp-content\\\/uploads\\\/2019\\\/04\\\/IMG_6283.jpg&quot;,&quot;title&quot;:&quot;Nobu Barcelona Garcia Faura&quot;},{&quot;src&quot;:&quot;https:\\\/\\\/www.garciafaura.com\\\/wp-content\\\/uploads\\\/2019\\\/04\\\/IMG_6282.jpg&quot;,&quot;title&quot;:&quot;Nobu Barcelona Garcia Faura&quot;}]\"><img loading=\"lazy\" decoding=\"async\" data-no-lazy=\"1\" class=\"portfolio-entry-img skip-lazy\" src=\"https:\/\/www.garciafaura.com\/wp-content\/uploads\/2019\/04\/MTP02599-600x314.jpg\" alt=\"Nobu Barcelona Garcia Faura\" data-no-retina width=\"600\" height=\"314\" \/><\/a><\/div><div class=\"portfolio-entry-details entry-details wpex-clr\"><h2 class=\"portfolio-entry-title entry-title\"><a href=\"https:\/\/www.garciafaura.com\/fr\/portfolio-item\/reamenagement-hotel-torre-catalunya\/\" title=\"R\u00e9am\u00e9nagement Hotel Nobu Torre Catalunya\">R\u00e9am\u00e9nagement Hotel Nobu Torre Catalunya<\/a><\/h2><div class=\"portfolio-entry-categories entry-categories wpex-clr\"><a href=\"https:\/\/www.garciafaura.com\/fr\/portfolio-category\/reamenagement\/\" class=\"term-90\">R\u00e9am\u00e9nagement<\/a><\/div><\/div><\/div><\/div><div class=\"portfolio-entry vcex-grid-item entry-has-details span_1_of_3 col col-3 vcex-isotope-entry vcex-no-margin-entry post-20459 entry type-portfolio has-media cat-90 translation_priority-5\"><div class=\"portfolio-entry-inner entry-inner wpex-clr\"><div class=\"portfolio-entry-media entry-media wpex-clr\"><a href=\"https:\/\/www.garciafaura.com\/wp-content\/uploads\/2019\/04\/AeropuertoMallorca.jpg\" title=\"R\u00e9habilitation de l&rsquo;a\u00e9roport de Majorque\" class=\"portfolio-entry-media-link wpex-lightbox-gallery\" data-gallery=\"[{&quot;src&quot;:&quot;https:\\\/\\\/www.garciafaura.com\\\/wp-content\\\/uploads\\\/2019\\\/04\\\/AeropuertoMallorca.jpg&quot;,&quot;title&quot;:&quot;Travaux dans l&#039;a\\u00e9roport Son Sant Joan \\u00e0 Palma de Majorque&quot;}]\"><img loading=\"lazy\" decoding=\"async\" data-no-lazy=\"1\" class=\"portfolio-entry-img skip-lazy\" src=\"https:\/\/www.garciafaura.com\/wp-content\/uploads\/2019\/04\/AeropuertoMallorca-600x314.jpg\" alt=\"Travaux Dans L'a\u00e9roport Son Sant Joan \u00e0 Palma De Majorque\" data-no-retina width=\"600\" height=\"314\" \/><\/a><\/div><div class=\"portfolio-entry-details entry-details wpex-clr\"><h2 class=\"portfolio-entry-title entry-title\"><a href=\"https:\/\/www.garciafaura.com\/fr\/portfolio-item\/rehabilitation-de-laeroport-de-majorque\/\" title=\"R\u00e9habilitation de l&rsquo;a\u00e9roport de Majorque\">R\u00e9habilitation de l&rsquo;a\u00e9roport de Majorque<\/a><\/h2><div class=\"portfolio-entry-categories entry-categories wpex-clr\"><a href=\"https:\/\/www.garciafaura.com\/fr\/portfolio-category\/reamenagement\/\" class=\"term-90\">R\u00e9am\u00e9nagement<\/a><\/div><\/div><\/div><\/div><div class=\"portfolio-entry vcex-grid-item entry-has-details span_1_of_3 col col-1 vcex-isotope-entry vcex-no-margin-entry post-20458 entry type-portfolio has-media cat-69 cat-90 translation_priority-5\"><div class=\"portfolio-entry-inner entry-inner wpex-clr\"><div class=\"portfolio-entry-media entry-media wpex-clr\"><a href=\"https:\/\/www.garciafaura.com\/wp-content\/uploads\/2019\/04\/Pedralbes-Centre-01.jpg\" title=\"R\u00e9novation Pedralbes Centre\" class=\"portfolio-entry-media-link wpex-lightbox-gallery\" data-gallery=\"[{&quot;src&quot;:&quot;https:\\\/\\\/www.garciafaura.com\\\/wp-content\\\/uploads\\\/2019\\\/04\\\/Pedralbes-Centre-01.jpg&quot;,&quot;title&quot;:&quot;Treballs de reforma de centre comercial a Barcelona&quot;},{&quot;src&quot;:&quot;https:\\\/\\\/www.garciafaura.com\\\/wp-content\\\/uploads\\\/2019\\\/04\\\/Pedralbes-Centre-10.jpg&quot;,&quot;title&quot;:&quot;Treballs de reforma de centre comercial a Barcelona&quot;},{&quot;src&quot;:&quot;https:\\\/\\\/www.garciafaura.com\\\/wp-content\\\/uploads\\\/2019\\\/04\\\/Pedralbes-Centre-09.jpg&quot;,&quot;title&quot;:&quot;Treballs de reforma de centre comercial a Barcelona&quot;},{&quot;src&quot;:&quot;https:\\\/\\\/www.garciafaura.com\\\/wp-content\\\/uploads\\\/2019\\\/04\\\/Pedralbes-Centre-08.jpg&quot;,&quot;title&quot;:&quot;Treballs de reforma de centre comercial a Barcelona&quot;},{&quot;src&quot;:&quot;https:\\\/\\\/www.garciafaura.com\\\/wp-content\\\/uploads\\\/2019\\\/04\\\/Pedralbes-Centre-07.jpg&quot;,&quot;title&quot;:&quot;Treballs de reforma de centre comercial a Barcelona&quot;},{&quot;src&quot;:&quot;https:\\\/\\\/www.garciafaura.com\\\/wp-content\\\/uploads\\\/2019\\\/04\\\/Pedralbes-Centre-06.jpg&quot;,&quot;title&quot;:&quot;Treballs de reforma de centre comercial a Barcelona&quot;},{&quot;src&quot;:&quot;https:\\\/\\\/www.garciafaura.com\\\/wp-content\\\/uploads\\\/2019\\\/04\\\/Pedralbes-Centre-05.jpg&quot;,&quot;title&quot;:&quot;Treballs de reforma de centre comercial a Barcelona&quot;},{&quot;src&quot;:&quot;https:\\\/\\\/www.garciafaura.com\\\/wp-content\\\/uploads\\\/2019\\\/04\\\/Pedralbes-Centre-04.jpg&quot;,&quot;title&quot;:&quot;Treballs de reforma de centre comercial a Barcelona&quot;},{&quot;src&quot;:&quot;https:\\\/\\\/www.garciafaura.com\\\/wp-content\\\/uploads\\\/2019\\\/04\\\/Pedralbes-Centre-03.jpg&quot;,&quot;title&quot;:&quot;Treballs de reforma de centre comercial a Barcelona&quot;},{&quot;src&quot;:&quot;https:\\\/\\\/www.garciafaura.com\\\/wp-content\\\/uploads\\\/2019\\\/04\\\/Pedralbes-Centre-02.jpg&quot;,&quot;title&quot;:&quot;Treballs de reforma de centre comercial a Barcelona&quot;}]\"><img loading=\"lazy\" decoding=\"async\" data-no-lazy=\"1\" class=\"portfolio-entry-img skip-lazy\" src=\"https:\/\/www.garciafaura.com\/wp-content\/uploads\/2019\/04\/Pedralbes-Centre-01-600x314.jpg\" alt=\"Treballs De Reforma De Centre Comercial A Barcelona\" data-no-retina width=\"600\" height=\"314\" \/><\/a><\/div><div class=\"portfolio-entry-details entry-details wpex-clr\"><h2 class=\"portfolio-entry-title entry-title\"><a href=\"https:\/\/www.garciafaura.com\/fr\/portfolio-item\/renovation-pedralbes-centre\/\" title=\"R\u00e9novation Pedralbes Centre\">R\u00e9novation Pedralbes Centre<\/a><\/h2><div class=\"portfolio-entry-categories entry-categories wpex-clr\"><a href=\"https:\/\/www.garciafaura.com\/fr\/portfolio-category\/batiments-corporatifs\/\" class=\"term-69\">B\u00e2timents Corporatifs<\/a><\/div><\/div><\/div><\/div><div class=\"portfolio-entry vcex-grid-item entry-has-details span_1_of_3 col col-2 vcex-isotope-entry vcex-no-margin-entry post-20457 entry type-portfolio has-media cat-75 cat-92 cat-93 cat-95 cat-97 cat-98 cat-90 cat-101 translation_priority-5\"><div class=\"portfolio-entry-inner entry-inner wpex-clr\"><div class=\"portfolio-entry-media entry-media wpex-clr\"><a href=\"https:\/\/www.garciafaura.com\/wp-content\/uploads\/2022\/06\/Morland01.jpg\" title=\"Projet Morland\" class=\"portfolio-entry-media-link wpex-lightbox-gallery\" data-gallery=\"[{&quot;src&quot;:&quot;https:\\\/\\\/www.garciafaura.com\\\/wp-content\\\/uploads\\\/2022\\\/06\\\/Morland01.jpg&quot;},{&quot;src&quot;:&quot;https:\\\/\\\/www.garciafaura.com\\\/wp-content\\\/uploads\\\/2022\\\/06\\\/Morland24.jpg&quot;},{&quot;src&quot;:&quot;https:\\\/\\\/www.garciafaura.com\\\/wp-content\\\/uploads\\\/2022\\\/06\\\/Morland02.jpg&quot;},{&quot;src&quot;:&quot;https:\\\/\\\/www.garciafaura.com\\\/wp-content\\\/uploads\\\/2022\\\/06\\\/Morland03.jpg&quot;},{&quot;src&quot;:&quot;https:\\\/\\\/www.garciafaura.com\\\/wp-content\\\/uploads\\\/2022\\\/06\\\/Morland04.jpg&quot;},{&quot;src&quot;:&quot;https:\\\/\\\/www.garciafaura.com\\\/wp-content\\\/uploads\\\/2022\\\/06\\\/Morland05.jpg&quot;},{&quot;src&quot;:&quot;https:\\\/\\\/www.garciafaura.com\\\/wp-content\\\/uploads\\\/2022\\\/06\\\/Morland06.jpg&quot;},{&quot;src&quot;:&quot;https:\\\/\\\/www.garciafaura.com\\\/wp-content\\\/uploads\\\/2022\\\/06\\\/Morland07.jpg&quot;},{&quot;src&quot;:&quot;https:\\\/\\\/www.garciafaura.com\\\/wp-content\\\/uploads\\\/2022\\\/06\\\/Morland08.jpg&quot;},{&quot;src&quot;:&quot;https:\\\/\\\/www.garciafaura.com\\\/wp-content\\\/uploads\\\/2022\\\/06\\\/Morland23.jpg&quot;},{&quot;src&quot;:&quot;https:\\\/\\\/www.garciafaura.com\\\/wp-content\\\/uploads\\\/2022\\\/06\\\/Morland22.jpg&quot;},{&quot;src&quot;:&quot;https:\\\/\\\/www.garciafaura.com\\\/wp-content\\\/uploads\\\/2022\\\/06\\\/Morland21.jpg&quot;},{&quot;src&quot;:&quot;https:\\\/\\\/www.garciafaura.com\\\/wp-content\\\/uploads\\\/2022\\\/06\\\/Morland20.jpg&quot;},{&quot;src&quot;:&quot;https:\\\/\\\/www.garciafaura.com\\\/wp-content\\\/uploads\\\/2022\\\/06\\\/Morland19.jpg&quot;},{&quot;src&quot;:&quot;https:\\\/\\\/www.garciafaura.com\\\/wp-content\\\/uploads\\\/2022\\\/06\\\/Morland18.jpg&quot;},{&quot;src&quot;:&quot;https:\\\/\\\/www.garciafaura.com\\\/wp-content\\\/uploads\\\/2022\\\/06\\\/Morland17.jpg&quot;},{&quot;src&quot;:&quot;https:\\\/\\\/www.garciafaura.com\\\/wp-content\\\/uploads\\\/2022\\\/06\\\/Morland16.jpg&quot;},{&quot;src&quot;:&quot;https:\\\/\\\/www.garciafaura.com\\\/wp-content\\\/uploads\\\/2022\\\/06\\\/Morland15.jpg&quot;},{&quot;src&quot;:&quot;https:\\\/\\\/www.garciafaura.com\\\/wp-content\\\/uploads\\\/2022\\\/06\\\/Morland14.jpg&quot;},{&quot;src&quot;:&quot;https:\\\/\\\/www.garciafaura.com\\\/wp-content\\\/uploads\\\/2022\\\/06\\\/Morland13.jpg&quot;},{&quot;src&quot;:&quot;https:\\\/\\\/www.garciafaura.com\\\/wp-content\\\/uploads\\\/2022\\\/06\\\/Morland12.jpg&quot;},{&quot;src&quot;:&quot;https:\\\/\\\/www.garciafaura.com\\\/wp-content\\\/uploads\\\/2022\\\/06\\\/Morland11.jpg&quot;},{&quot;src&quot;:&quot;https:\\\/\\\/www.garciafaura.com\\\/wp-content\\\/uploads\\\/2022\\\/06\\\/Morland10.jpg&quot;},{&quot;src&quot;:&quot;https:\\\/\\\/www.garciafaura.com\\\/wp-content\\\/uploads\\\/2022\\\/06\\\/Morland09.jpg&quot;}]\"><img loading=\"lazy\" decoding=\"async\" data-no-lazy=\"1\" class=\"portfolio-entry-img skip-lazy\" src=\"https:\/\/www.garciafaura.com\/wp-content\/uploads\/2022\/06\/Morland01-600x314.jpg\" alt='' data-no-retina width=\"600\" height=\"314\" \/><\/a><\/div><div class=\"portfolio-entry-details entry-details wpex-clr\"><h2 class=\"portfolio-entry-title entry-title\"><a href=\"https:\/\/www.garciafaura.com\/fr\/portfolio-item\/projet-morland\/\" title=\"Projet Morland\">Projet Morland<\/a><\/h2><div class=\"portfolio-entry-categories entry-categories wpex-clr\"><a href=\"https:\/\/www.garciafaura.com\/fr\/portfolio-category\/batiments-de-services-remarquables\/\" class=\"term-92\">B\u00e2timents de Services Remarquables<\/a><\/div><\/div><\/div><\/div><div class=\"portfolio-entry vcex-grid-item entry-has-details span_1_of_3 col col-3 vcex-isotope-entry vcex-no-margin-entry post-20446 entry type-portfolio has-media cat-97 cat-90 translation_priority-5\"><div class=\"portfolio-entry-inner entry-inner wpex-clr\"><div class=\"portfolio-entry-media entry-media wpex-clr\"><a href=\"https:\/\/www.garciafaura.com\/wp-content\/uploads\/2019\/04\/01-citeblanche-FotoSimonGarcia_arqfoto.jpg\" title=\"Lotissement Cit\u00e9 Blanche\" class=\"portfolio-entry-media-link wpex-lightbox-gallery\" data-gallery=\"[{&quot;src&quot;:&quot;https:\\\/\\\/www.garciafaura.com\\\/wp-content\\\/uploads\\\/2019\\\/04\\\/01-citeblanche-FotoSimonGarcia_arqfoto.jpg&quot;,&quot;caption&quot;:&quot;\\u00a9 Simon Garcia|arqfoto.com&quot;},{&quot;src&quot;:&quot;https:\\\/\\\/www.garciafaura.com\\\/wp-content\\\/uploads\\\/2019\\\/04\\\/09-citeblanche-FotoSimonGarcia_arqfoto.jpg&quot;,&quot;caption&quot;:&quot;\\u00a9 Simon Garcia|arqfoto.com&quot;},{&quot;src&quot;:&quot;https:\\\/\\\/www.garciafaura.com\\\/wp-content\\\/uploads\\\/2019\\\/04\\\/08-citeblanche-FotoSimonGarcia_arqfoto.jpg&quot;,&quot;caption&quot;:&quot;\\u00a9 Simon Garcia|arqfoto.com&quot;},{&quot;src&quot;:&quot;https:\\\/\\\/www.garciafaura.com\\\/wp-content\\\/uploads\\\/2019\\\/04\\\/07-citeblanche-FotoSimonGarcia_arqfoto.jpg&quot;,&quot;caption&quot;:&quot;\\u00a9 Simon Garcia|arqfoto.com&quot;},{&quot;src&quot;:&quot;https:\\\/\\\/www.garciafaura.com\\\/wp-content\\\/uploads\\\/2019\\\/04\\\/06-citeblanche-FotoSimonGarcia_arqfoto.jpg&quot;,&quot;caption&quot;:&quot;\\u00a9 Simon Garcia|arqfoto.com&quot;},{&quot;src&quot;:&quot;https:\\\/\\\/www.garciafaura.com\\\/wp-content\\\/uploads\\\/2019\\\/04\\\/05-citeblanche-FotoSimonGarcia_arqfoto.jpg&quot;,&quot;caption&quot;:&quot;\\u00a9 Simon Garcia|arqfoto.com&quot;},{&quot;src&quot;:&quot;https:\\\/\\\/www.garciafaura.com\\\/wp-content\\\/uploads\\\/2019\\\/04\\\/04-citeblanche-FotoSimonGarcia_arqfoto.jpg&quot;,&quot;caption&quot;:&quot;\\u00a9 Simon Garcia|arqfoto.com&quot;},{&quot;src&quot;:&quot;https:\\\/\\\/www.garciafaura.com\\\/wp-content\\\/uploads\\\/2019\\\/04\\\/03-citeblanche-FotoSimonGarcia_arqfoto.jpg&quot;,&quot;caption&quot;:&quot;\\u00a9 Simon Garcia|arqfoto.com&quot;},{&quot;src&quot;:&quot;https:\\\/\\\/www.garciafaura.com\\\/wp-content\\\/uploads\\\/2019\\\/04\\\/02-citeblanche-FotoSimonGarcia_arqfoto.jpg&quot;,&quot;caption&quot;:&quot;\\u00a9 Simon Garcia|arqfoto.com&quot;}]\"><img loading=\"lazy\" decoding=\"async\" data-no-lazy=\"1\" class=\"portfolio-entry-img skip-lazy\" src=\"https:\/\/www.garciafaura.com\/wp-content\/uploads\/2019\/04\/01-citeblanche-FotoSimonGarcia_arqfoto-600x314.jpg\" alt='' data-no-retina width=\"600\" height=\"314\" \/><\/a><\/div><div class=\"portfolio-entry-details entry-details wpex-clr\"><h2 class=\"portfolio-entry-title entry-title\"><a href=\"https:\/\/www.garciafaura.com\/fr\/portfolio-item\/lotissement-cite-blanche\/\" title=\"Lotissement Cit\u00e9 Blanche\">Lotissement Cit\u00e9 Blanche<\/a><\/h2><div class=\"portfolio-entry-categories entry-categories wpex-clr\"><a href=\"https:\/\/www.garciafaura.com\/fr\/portfolio-category\/international-fr\/\" class=\"term-97\">International<\/a><\/div><\/div><\/div><\/div><div class=\"portfolio-entry vcex-grid-item entry-has-details span_1_of_3 col col-1 vcex-isotope-entry vcex-no-margin-entry post-20444 entry type-portfolio has-media cat-69 cat-102 cat-97 cat-98 cat-90 cat-101 translation_priority-5\"><div class=\"portfolio-entry-inner entry-inner wpex-clr\"><div class=\"portfolio-entry-media entry-media wpex-clr\"><a href=\"https:\/\/www.garciafaura.com\/wp-content\/uploads\/2019\/04\/01-BoulevardHaussmann-FotoSimonGarcia_arqfoto.jpg\" title=\"R\u00e9habilitation Bulevard Haussmann\" class=\"portfolio-entry-media-link wpex-lightbox-gallery\" data-gallery=\"[{&quot;src&quot;:&quot;https:\\\/\\\/www.garciafaura.com\\\/wp-content\\\/uploads\\\/2019\\\/04\\\/01-BoulevardHaussmann-FotoSimonGarcia_arqfoto.jpg&quot;,&quot;caption&quot;:&quot;\\u00a9 Simon Garcia|arqfoto.com&quot;},{&quot;src&quot;:&quot;https:\\\/\\\/www.garciafaura.com\\\/wp-content\\\/uploads\\\/2019\\\/04\\\/20-BoulevardHaussmann-FotoSimonGarcia_arqfoto.jpg&quot;,&quot;caption&quot;:&quot;\\u00a9 Simon Garcia|arqfoto.com&quot;},{&quot;src&quot;:&quot;https:\\\/\\\/www.garciafaura.com\\\/wp-content\\\/uploads\\\/2019\\\/04\\\/19-BoulevardHaussmann-FotoSimonGarcia_arqfoto.jpg&quot;,&quot;caption&quot;:&quot;\\u00a9 Simon Garcia|arqfoto.com&quot;},{&quot;src&quot;:&quot;https:\\\/\\\/www.garciafaura.com\\\/wp-content\\\/uploads\\\/2019\\\/04\\\/18-BoulevardHaussmann-FotoSimonGarcia_arqfoto.jpg&quot;,&quot;caption&quot;:&quot;\\u00a9 Simon Garcia|arqfoto.com&quot;},{&quot;src&quot;:&quot;https:\\\/\\\/www.garciafaura.com\\\/wp-content\\\/uploads\\\/2019\\\/04\\\/17-BoulevardHaussmann-FotoSimonGarcia_arqfoto.jpg&quot;,&quot;caption&quot;:&quot;\\u00a9 Simon Garcia|arqfoto.com&quot;},{&quot;src&quot;:&quot;https:\\\/\\\/www.garciafaura.com\\\/wp-content\\\/uploads\\\/2019\\\/04\\\/16-BoulevardHaussmann-FotoSimonGarcia_arqfoto.jpg&quot;,&quot;caption&quot;:&quot;\\u00a9 Simon Garcia|arqfoto.com&quot;},{&quot;src&quot;:&quot;https:\\\/\\\/www.garciafaura.com\\\/wp-content\\\/uploads\\\/2019\\\/04\\\/15-BoulevardHaussmann-FotoSimonGarcia_arqfoto.jpg&quot;,&quot;caption&quot;:&quot;\\u00a9 Simon Garcia|arqfoto.com&quot;},{&quot;src&quot;:&quot;https:\\\/\\\/www.garciafaura.com\\\/wp-content\\\/uploads\\\/2019\\\/04\\\/14-BoulevardHaussmann-FotoSimonGarcia_arqfoto.jpg&quot;,&quot;caption&quot;:&quot;\\u00a9 Simon Garcia|arqfoto.com&quot;},{&quot;src&quot;:&quot;https:\\\/\\\/www.garciafaura.com\\\/wp-content\\\/uploads\\\/2019\\\/04\\\/13-BoulevardHaussmann-FotoSimonGarcia_arqfoto.jpg&quot;,&quot;caption&quot;:&quot;\\u00a9 Simon Garcia|arqfoto.com&quot;},{&quot;src&quot;:&quot;https:\\\/\\\/www.garciafaura.com\\\/wp-content\\\/uploads\\\/2019\\\/04\\\/12-BoulevardHaussmann-FotoSimonGarcia_arqfoto.jpg&quot;,&quot;caption&quot;:&quot;\\u00a9 Simon Garcia|arqfoto.com&quot;},{&quot;src&quot;:&quot;https:\\\/\\\/www.garciafaura.com\\\/wp-content\\\/uploads\\\/2019\\\/04\\\/11-BoulevardHaussmann-FotoSimonGarcia_arqfoto.jpg&quot;,&quot;caption&quot;:&quot;\\u00a9 Simon Garcia|arqfoto.com&quot;},{&quot;src&quot;:&quot;https:\\\/\\\/www.garciafaura.com\\\/wp-content\\\/uploads\\\/2019\\\/04\\\/10-BoulevardHaussmann-FotoSimonGarcia_arqfoto.jpg&quot;,&quot;caption&quot;:&quot;\\u00a9 Simon Garcia|arqfoto.com&quot;},{&quot;src&quot;:&quot;https:\\\/\\\/www.garciafaura.com\\\/wp-content\\\/uploads\\\/2019\\\/04\\\/09-BoulevardHaussmann-FotoSimonGarcia_arqfoto.jpg&quot;,&quot;caption&quot;:&quot;\\u00a9 Simon Garcia|arqfoto.com&quot;},{&quot;src&quot;:&quot;https:\\\/\\\/www.garciafaura.com\\\/wp-content\\\/uploads\\\/2019\\\/04\\\/08-BoulevardHaussmann-FotoSimonGarcia_arqfoto.jpg&quot;,&quot;caption&quot;:&quot;\\u00a9 Simon Garcia|arqfoto.com&quot;},{&quot;src&quot;:&quot;https:\\\/\\\/www.garciafaura.com\\\/wp-content\\\/uploads\\\/2019\\\/04\\\/07-BoulevardHaussmann-FotoSimonGarcia_arqfoto.jpg&quot;,&quot;caption&quot;:&quot;\\u00a9 Simon Garcia|arqfoto.com&quot;},{&quot;src&quot;:&quot;https:\\\/\\\/www.garciafaura.com\\\/wp-content\\\/uploads\\\/2019\\\/04\\\/06-BoulevardHaussmann-FotoSimonGarcia_arqfoto.jpg&quot;,&quot;caption&quot;:&quot;\\u00a9 Simon Garcia|arqfoto.com&quot;},{&quot;src&quot;:&quot;https:\\\/\\\/www.garciafaura.com\\\/wp-content\\\/uploads\\\/2019\\\/04\\\/05-BoulevardHaussmann-FotoSimonGarcia_arqfoto.jpg&quot;,&quot;caption&quot;:&quot;\\u00a9 Simon Garcia|arqfoto.com&quot;},{&quot;src&quot;:&quot;https:\\\/\\\/www.garciafaura.com\\\/wp-content\\\/uploads\\\/2019\\\/04\\\/04-BoulevardHaussmann-FotoSimonGarcia_arqfoto.jpg&quot;,&quot;caption&quot;:&quot;\\u00a9 Simon Garcia|arqfoto.com&quot;},{&quot;src&quot;:&quot;https:\\\/\\\/www.garciafaura.com\\\/wp-content\\\/uploads\\\/2019\\\/04\\\/03-BoulevardHaussmann-FotoSimonGarcia_arqfoto.jpg&quot;,&quot;caption&quot;:&quot;\\u00a9 Simon Garcia|arqfoto.com&quot;},{&quot;src&quot;:&quot;https:\\\/\\\/www.garciafaura.com\\\/wp-content\\\/uploads\\\/2019\\\/04\\\/02-BoulevardHaussmann-FotoSimonGarcia_arqfoto.jpg&quot;,&quot;caption&quot;:&quot;\\u00a9 Simon Garcia|arqfoto.com&quot;}]\"><img loading=\"lazy\" decoding=\"async\" data-no-lazy=\"1\" class=\"portfolio-entry-img skip-lazy\" src=\"https:\/\/www.garciafaura.com\/wp-content\/uploads\/2019\/04\/01-BoulevardHaussmann-FotoSimonGarcia_arqfoto-600x314.jpg\" alt='' data-no-retina width=\"600\" height=\"314\" \/><\/a><\/div><div class=\"portfolio-entry-details entry-details wpex-clr\"><h2 class=\"portfolio-entry-title entry-title\"><a href=\"https:\/\/www.garciafaura.com\/fr\/portfolio-item\/boulevard-hausmann\/\" title=\"R\u00e9habilitation Bulevard Haussmann\">R\u00e9habilitation Bulevard Haussmann<\/a><\/h2><div class=\"portfolio-entry-categories entry-categories wpex-clr\"><a href=\"https:\/\/www.garciafaura.com\/fr\/portfolio-category\/international-fr\/\" class=\"term-97\">International<\/a><\/div><\/div><\/div><\/div><div class=\"portfolio-entry vcex-grid-item entry-has-details span_1_of_3 col col-2 vcex-isotope-entry vcex-no-margin-entry post-20423 entry type-portfolio has-media cat-94 cat-96 cat-90 translation_priority-5\"><div class=\"portfolio-entry-inner entry-inner wpex-clr\"><div class=\"portfolio-entry-media entry-media wpex-clr\"><a href=\"https:\/\/www.garciafaura.com\/wp-content\/uploads\/2018\/12\/Hotel-Terramar-Sitges-01.jpg\" title=\"H\u00f4tel Terramar Sitges\" class=\"portfolio-entry-media-link wpex-lightbox-gallery\" data-gallery=\"[{&quot;src&quot;:&quot;https:\\\/\\\/www.garciafaura.com\\\/wp-content\\\/uploads\\\/2018\\\/12\\\/Hotel-Terramar-Sitges-01.jpg&quot;,&quot;title&quot;:&quot;Fermetures pour r\\u00e9habilitation d&#039;un h\\u00f4tel \\u00e0 Sitges&quot;},{&quot;src&quot;:&quot;https:\\\/\\\/www.garciafaura.com\\\/wp-content\\\/uploads\\\/2018\\\/12\\\/Hotel-Terramar-Sitges-14.jpg&quot;,&quot;title&quot;:&quot;Fermetures pour r\\u00e9habilitation d&#039;un h\\u00f4tel \\u00e0 Sitges&quot;},{&quot;src&quot;:&quot;https:\\\/\\\/www.garciafaura.com\\\/wp-content\\\/uploads\\\/2018\\\/12\\\/Hotel-Terramar-Sitges-13.jpg&quot;,&quot;title&quot;:&quot;Fermetures pour r\\u00e9habilitation d&#039;un h\\u00f4tel \\u00e0 Sitges&quot;},{&quot;src&quot;:&quot;https:\\\/\\\/www.garciafaura.com\\\/wp-content\\\/uploads\\\/2018\\\/12\\\/Hotel-Terramar-Sitges-12.jpg&quot;,&quot;title&quot;:&quot;Fermetures pour r\\u00e9habilitation d&#039;un h\\u00f4tel \\u00e0 Sitges&quot;},{&quot;src&quot;:&quot;https:\\\/\\\/www.garciafaura.com\\\/wp-content\\\/uploads\\\/2018\\\/12\\\/Hotel-Terramar-Sitges-11.jpg&quot;,&quot;title&quot;:&quot;Fermetures pour r\\u00e9habilitation d&#039;un h\\u00f4tel \\u00e0 Sitges&quot;},{&quot;src&quot;:&quot;https:\\\/\\\/www.garciafaura.com\\\/wp-content\\\/uploads\\\/2018\\\/12\\\/Hotel-Terramar-Sitges-10.jpg&quot;,&quot;title&quot;:&quot;Fermetures pour r\\u00e9habilitation d&#039;un h\\u00f4tel \\u00e0 Sitges&quot;},{&quot;src&quot;:&quot;https:\\\/\\\/www.garciafaura.com\\\/wp-content\\\/uploads\\\/2018\\\/12\\\/Hotel-Terramar-Sitges-09.jpg&quot;,&quot;title&quot;:&quot;Fermetures pour r\\u00e9habilitation d&#039;un h\\u00f4tel \\u00e0 Sitges&quot;},{&quot;src&quot;:&quot;https:\\\/\\\/www.garciafaura.com\\\/wp-content\\\/uploads\\\/2018\\\/12\\\/Hotel-Terramar-Sitges-08.jpg&quot;,&quot;title&quot;:&quot;Fermetures pour r\\u00e9habilitation d&#039;un h\\u00f4tel \\u00e0 Sitges&quot;},{&quot;src&quot;:&quot;https:\\\/\\\/www.garciafaura.com\\\/wp-content\\\/uploads\\\/2018\\\/12\\\/Hotel-Terramar-Sitges-07.jpg&quot;,&quot;title&quot;:&quot;Fermetures pour r\\u00e9habilitation d&#039;un h\\u00f4tel \\u00e0 Sitges&quot;},{&quot;src&quot;:&quot;https:\\\/\\\/www.garciafaura.com\\\/wp-content\\\/uploads\\\/2018\\\/12\\\/Hotel-Terramar-Sitges-06.jpg&quot;,&quot;title&quot;:&quot;Fermetures pour r\\u00e9habilitation d&#039;un h\\u00f4tel \\u00e0 Sitges&quot;},{&quot;src&quot;:&quot;https:\\\/\\\/www.garciafaura.com\\\/wp-content\\\/uploads\\\/2018\\\/12\\\/Hotel-Terramar-Sitges-05.jpg&quot;,&quot;title&quot;:&quot;Fermetures pour r\\u00e9habilitation d&#039;un h\\u00f4tel \\u00e0 Sitges&quot;},{&quot;src&quot;:&quot;https:\\\/\\\/www.garciafaura.com\\\/wp-content\\\/uploads\\\/2018\\\/12\\\/Hotel-Terramar-Sitges-04.jpg&quot;,&quot;title&quot;:&quot;Fermetures pour r\\u00e9habilitation d&#039;un h\\u00f4tel \\u00e0 Sitges&quot;},{&quot;src&quot;:&quot;https:\\\/\\\/www.garciafaura.com\\\/wp-content\\\/uploads\\\/2018\\\/12\\\/Hotel-Terramar-Sitges-03.jpg&quot;,&quot;title&quot;:&quot;Fermetures pour r\\u00e9habilitation d&#039;un h\\u00f4tel \\u00e0 Sitges&quot;},{&quot;src&quot;:&quot;https:\\\/\\\/www.garciafaura.com\\\/wp-content\\\/uploads\\\/2018\\\/12\\\/Hotel-Terramar-Sitges-02.jpg&quot;,&quot;title&quot;:&quot;Fermetures pour r\\u00e9habilitation d&#039;un h\\u00f4tel \\u00e0 Sitges&quot;}]\"><img loading=\"lazy\" decoding=\"async\" data-no-lazy=\"1\" class=\"portfolio-entry-img skip-lazy\" src=\"https:\/\/www.garciafaura.com\/wp-content\/uploads\/2018\/12\/Hotel-Terramar-Sitges-01-600x314.jpg\" alt=\"Fermetures Pour R\u00e9habilitation D'un H\u00f4tel \u00e0 Sitges\" data-no-retina width=\"600\" height=\"314\" \/><\/a><\/div><div class=\"portfolio-entry-details entry-details wpex-clr\"><h2 class=\"portfolio-entry-title entry-title\"><a href=\"https:\/\/www.garciafaura.com\/fr\/portfolio-item\/hotel-terramar-sitges\/\" title=\"H\u00f4tel Terramar Sitges\">H\u00f4tel Terramar Sitges<\/a><\/h2><div class=\"portfolio-entry-categories entry-categories wpex-clr\"><a href=\"https:\/\/www.garciafaura.com\/fr\/portfolio-category\/hotels-fr\/\" class=\"term-94\">H\u00f4tels<\/a><\/div><\/div><\/div><\/div><div class=\"portfolio-entry vcex-grid-item entry-has-details span_1_of_3 col col-3 vcex-isotope-entry vcex-no-margin-entry post-20420 entry type-portfolio has-media cat-94 cat-90 translation_priority-5\"><div class=\"portfolio-entry-inner entry-inner wpex-clr\"><div class=\"portfolio-entry-media entry-media wpex-clr\"><a href=\"https:\/\/www.garciafaura.com\/wp-content\/uploads\/2018\/11\/Hotel-Barcelona-1898-000.jpg\" title=\"H\u00f4tel Barcelona 1898\" class=\"portfolio-entry-media-link wpex-lightbox-gallery\" data-gallery=\"[{&quot;src&quot;:&quot;https:\\\/\\\/www.garciafaura.com\\\/wp-content\\\/uploads\\\/2018\\\/11\\\/Hotel-Barcelona-1898-000.jpg&quot;},{&quot;src&quot;:&quot;https:\\\/\\\/www.garciafaura.com\\\/wp-content\\\/uploads\\\/2018\\\/11\\\/Hotel-Barcelona-1898-00.jpg&quot;},{&quot;src&quot;:&quot;https:\\\/\\\/www.garciafaura.com\\\/wp-content\\\/uploads\\\/2018\\\/11\\\/Hotel-Barcelona-1898-03.jpg&quot;},{&quot;src&quot;:&quot;https:\\\/\\\/www.garciafaura.com\\\/wp-content\\\/uploads\\\/2018\\\/11\\\/Hotel-Barcelona-1898-02.jpg&quot;},{&quot;src&quot;:&quot;https:\\\/\\\/www.garciafaura.com\\\/wp-content\\\/uploads\\\/2018\\\/11\\\/Hotel-Barcelona-1898-01.jpg&quot;}]\"><img loading=\"lazy\" decoding=\"async\" data-no-lazy=\"1\" class=\"portfolio-entry-img skip-lazy\" src=\"https:\/\/www.garciafaura.com\/wp-content\/uploads\/2018\/11\/Hotel-Barcelona-1898-000-600x314.jpg\" alt='' data-no-retina width=\"600\" height=\"314\" \/><\/a><\/div><div class=\"portfolio-entry-details entry-details wpex-clr\"><h2 class=\"portfolio-entry-title entry-title\"><a href=\"https:\/\/www.garciafaura.com\/fr\/portfolio-item\/hotel-barcelona-1898\/\" title=\"H\u00f4tel Barcelona 1898\">H\u00f4tel Barcelona 1898<\/a><\/h2><div class=\"portfolio-entry-categories entry-categories wpex-clr\"><a href=\"https:\/\/www.garciafaura.com\/fr\/portfolio-category\/hotels-fr\/\" class=\"term-94\">H\u00f4tels<\/a><\/div><\/div><\/div><\/div><div class=\"portfolio-entry vcex-grid-item entry-has-details span_1_of_3 col col-1 vcex-isotope-entry vcex-no-margin-entry post-20416 entry type-portfolio has-media cat-75 cat-90 translation_priority-5\"><div class=\"portfolio-entry-inner entry-inner wpex-clr\"><div class=\"portfolio-entry-media entry-media wpex-clr\"><a href=\"https:\/\/www.garciafaura.com\/wp-content\/uploads\/2018\/11\/Col\u00b7legi-Sagrat-Cor-04.jpg\" title=\"\u00c9cole Sagrat Cor\" class=\"portfolio-entry-media-link wpex-lightbox-gallery\" data-gallery=\"[{&quot;src&quot;:&quot;https:\\\/\\\/www.garciafaura.com\\\/wp-content\\\/uploads\\\/2018\\\/11\\\/Col\\u00b7legi-Sagrat-Cor-05.jpg&quot;,&quot;title&quot;:&quot;R\\u00e9habilitation et nouvelle construction de cet \\u00e9tablissement scolaire de Barcelone&quot;},{&quot;src&quot;:&quot;https:\\\/\\\/www.garciafaura.com\\\/wp-content\\\/uploads\\\/2018\\\/11\\\/Col\\u00b7legi-Sagrat-Cor-07.jpg&quot;,&quot;title&quot;:&quot;R\\u00e9habilitation et nouvelle construction de cet \\u00e9tablissement scolaire de Barcelone&quot;},{&quot;src&quot;:&quot;https:\\\/\\\/www.garciafaura.com\\\/wp-content\\\/uploads\\\/2018\\\/11\\\/Col\\u00b7legi-Sagrat-Cor-06.jpg&quot;,&quot;title&quot;:&quot;R\\u00e9habilitation et nouvelle construction de cet \\u00e9tablissement scolaire de Barcelone&quot;},{&quot;src&quot;:&quot;https:\\\/\\\/www.garciafaura.com\\\/wp-content\\\/uploads\\\/2018\\\/11\\\/Col\\u00b7legi-Sagrat-Cor-04.jpg&quot;,&quot;title&quot;:&quot;R\\u00e9habilitation et nouvelle construction de cet \\u00e9tablissement scolaire de Barcelone&quot;},{&quot;src&quot;:&quot;https:\\\/\\\/www.garciafaura.com\\\/wp-content\\\/uploads\\\/2018\\\/11\\\/Col\\u00b7legi-Sagrat-Cor-03.jpg&quot;,&quot;title&quot;:&quot;R\\u00e9habilitation et nouvelle construction de cet \\u00e9tablissement scolaire de Barcelone&quot;},{&quot;src&quot;:&quot;https:\\\/\\\/www.garciafaura.com\\\/wp-content\\\/uploads\\\/2018\\\/11\\\/Col\\u00b7legi-Sagrat-Cor-02.jpg&quot;,&quot;title&quot;:&quot;R\\u00e9habilitation et nouvelle construction de cet \\u00e9tablissement scolaire de Barcelone&quot;},{&quot;src&quot;:&quot;https:\\\/\\\/www.garciafaura.com\\\/wp-content\\\/uploads\\\/2018\\\/11\\\/Col\\u00b7legi-Sagrat-Cor-01.jpg&quot;,&quot;title&quot;:&quot;R\\u00e9habilitation et nouvelle construction de cet \\u00e9tablissement scolaire de Barcelone&quot;}]\"><img decoding=\"async\" data-no-lazy=\"1\" class=\"portfolio-entry-img skip-lazy\" src=\"https:\/\/www.garciafaura.com\/wp-content\/uploads\/2018\/11\/Col\u00b7legi-Sagrat-Cor-04-x.jpg\" alt=\"R\u00e9habilitation Et Nouvelle Construction De Cet \u00e9tablissement Scolaire De Barcelone\" data-no-retina \/><\/a><\/div><div class=\"portfolio-entry-details entry-details wpex-clr\"><h2 class=\"portfolio-entry-title entry-title\"><a href=\"https:\/\/www.garciafaura.com\/fr\/portfolio-item\/ecole-sagrat-cor\/\" title=\"\u00c9cole Sagrat Cor\">\u00c9cole Sagrat Cor<\/a><\/h2><div class=\"portfolio-entry-categories entry-categories wpex-clr\"><a href=\"https:\/\/www.garciafaura.com\/fr\/portfolio-category\/batiments-de-services\/\" class=\"term-75\">B\u00e2timents de Services<\/a><\/div><\/div><\/div><\/div><div class=\"portfolio-entry vcex-grid-item entry-has-details span_1_of_3 col col-2 vcex-isotope-entry vcex-no-margin-entry post-20405 entry type-portfolio has-media cat-77 cat-90 translation_priority-5\"><div class=\"portfolio-entry-inner entry-inner wpex-clr\"><div class=\"portfolio-entry-media entry-media wpex-clr\"><a href=\"https:\/\/www.garciafaura.com\/wp-content\/uploads\/2018\/11\/PasseigGracia.jpg\" title=\"R\u00e9am\u00e9nagement immeuble Passeig Gr\u00e0cia\" class=\"portfolio-entry-media-link wpex-lightbox-gallery\" data-gallery=\"[{&quot;src&quot;:&quot;https:\\\/\\\/www.garciafaura.com\\\/wp-content\\\/uploads\\\/2018\\\/11\\\/Rehabilitacio\\u0301-Passeig-de-Gra\\u0300cia-01.jpg&quot;,&quot;title&quot;:&quot;Tancaments exteriors\\u00a0i fa\\u00e7ana posterior d&#039;edifici hist\\u00f2ric\\u00a0en el\\u00a0centre de Barcelona&quot;},{&quot;src&quot;:&quot;https:\\\/\\\/www.garciafaura.com\\\/wp-content\\\/uploads\\\/2018\\\/11\\\/Rehabilitacio\\u0301-Passeig-de-Gra\\u0300cia-06.jpg&quot;,&quot;title&quot;:&quot;Tancaments exteriors\\u00a0i fa\\u00e7ana posterior d&#039;edifici hist\\u00f2ric\\u00a0en el\\u00a0centre de Barcelona&quot;},{&quot;src&quot;:&quot;https:\\\/\\\/www.garciafaura.com\\\/wp-content\\\/uploads\\\/2018\\\/11\\\/Rehabilitacio\\u0301-Passeig-de-Gra\\u0300cia-05.jpg&quot;,&quot;title&quot;:&quot;Tancaments exteriors\\u00a0i fa\\u00e7ana posterior d&#039;edifici hist\\u00f2ric\\u00a0en el\\u00a0centre de Barcelona&quot;},{&quot;src&quot;:&quot;https:\\\/\\\/www.garciafaura.com\\\/wp-content\\\/uploads\\\/2018\\\/11\\\/Rehabilitacio\\u0301-Passeig-de-Gra\\u0300cia-04.jpg&quot;,&quot;title&quot;:&quot;Tancaments exteriors\\u00a0i fa\\u00e7ana posterior d&#039;edifici hist\\u00f2ric\\u00a0en el\\u00a0centre de Barcelona&quot;},{&quot;src&quot;:&quot;https:\\\/\\\/www.garciafaura.com\\\/wp-content\\\/uploads\\\/2018\\\/11\\\/Rehabilitacio\\u0301-Passeig-de-Gra\\u0300cia-03.jpg&quot;,&quot;title&quot;:&quot;Tancaments exteriors\\u00a0i fa\\u00e7ana posterior d&#039;edifici hist\\u00f2ric\\u00a0en el\\u00a0centre de Barcelona&quot;},{&quot;src&quot;:&quot;https:\\\/\\\/www.garciafaura.com\\\/wp-content\\\/uploads\\\/2018\\\/11\\\/Rehabilitacio\\u0301-Passeig-de-Gra\\u0300cia-02.jpg&quot;,&quot;title&quot;:&quot;Tancaments exteriors\\u00a0i fa\\u00e7ana posterior d&#039;edifici hist\\u00f2ric\\u00a0en el\\u00a0centre de Barcelona&quot;}]\"><img loading=\"lazy\" decoding=\"async\" data-no-lazy=\"1\" class=\"portfolio-entry-img skip-lazy\" src=\"https:\/\/www.garciafaura.com\/wp-content\/uploads\/2018\/11\/PasseigGracia-600x314.jpg\" alt='' data-no-retina width=\"600\" height=\"314\" \/><\/a><\/div><div class=\"portfolio-entry-details entry-details wpex-clr\"><h2 class=\"portfolio-entry-title entry-title\"><a href=\"https:\/\/www.garciafaura.com\/fr\/portfolio-item\/reamenagement-immeuble-paseo-de-gracia\/\" title=\"R\u00e9am\u00e9nagement immeuble Passeig Gr\u00e0cia\">R\u00e9am\u00e9nagement immeuble Passeig Gr\u00e0cia<\/a><\/h2><div class=\"portfolio-entry-categories entry-categories wpex-clr\"><a href=\"https:\/\/www.garciafaura.com\/fr\/portfolio-category\/ensembles-residentiels\/\" class=\"term-77\">Ensembles r\u00e9sidentiels<\/a><\/div><\/div><\/div><\/div><div class=\"portfolio-entry vcex-grid-item entry-has-details span_1_of_3 col col-3 vcex-isotope-entry vcex-no-margin-entry post-20393 entry type-portfolio has-media cat-72 cat-90 translation_priority-5\"><div class=\"portfolio-entry-inner entry-inner wpex-clr\"><div class=\"portfolio-entry-media entry-media wpex-clr\"><a href=\"https:\/\/www.garciafaura.com\/wp-content\/uploads\/2018\/11\/Rehabilitacio\u0301-Can-Coll-01.jpg\" title=\"R\u00e9am\u00e9nagement Can Coll\" class=\"portfolio-entry-media-link wpex-lightbox-gallery\" data-gallery=\"[{&quot;src&quot;:&quot;https:\\\/\\\/www.garciafaura.com\\\/wp-content\\\/uploads\\\/2018\\\/11\\\/Rehabilitacio\\u0301-Can-Coll-01.jpg&quot;,&quot;title&quot;:&quot;Architecture en aluminium pour la r\\u00e9habilitation int\\u00e9grale de cette maison rurale&quot;},{&quot;src&quot;:&quot;https:\\\/\\\/www.garciafaura.com\\\/wp-content\\\/uploads\\\/2018\\\/11\\\/Rehabilitacio\\u0301-Can-Coll-06.jpg&quot;,&quot;title&quot;:&quot;Arquitectura en alumini per a la rehabilitaci\\u00f3 integral d&#039;aquesta masia&quot;},{&quot;src&quot;:&quot;https:\\\/\\\/www.garciafaura.com\\\/wp-content\\\/uploads\\\/2018\\\/11\\\/Rehabilitacio\\u0301-Can-Coll-05.jpg&quot;,&quot;title&quot;:&quot;Arquitectura en alumini per a la rehabilitaci\\u00f3 integral d&#039;aquesta masia&quot;},{&quot;src&quot;:&quot;https:\\\/\\\/www.garciafaura.com\\\/wp-content\\\/uploads\\\/2018\\\/11\\\/Rehabilitacio\\u0301-Can-Coll-04.jpg&quot;,&quot;title&quot;:&quot;Arquitectura en alumini per a la rehabilitaci\\u00f3 integral d&#039;aquesta masia&quot;},{&quot;src&quot;:&quot;https:\\\/\\\/www.garciafaura.com\\\/wp-content\\\/uploads\\\/2018\\\/11\\\/Rehabilitacio\\u0301-Can-Coll-03.jpg&quot;,&quot;title&quot;:&quot;Arquitectura en alumini per a la rehabilitaci\\u00f3 integral d&#039;aquesta masia&quot;},{&quot;src&quot;:&quot;https:\\\/\\\/www.garciafaura.com\\\/wp-content\\\/uploads\\\/2018\\\/11\\\/Rehabilitacio\\u0301-Can-Coll-02.jpg&quot;,&quot;title&quot;:&quot;Arquitectura en alumini per a la rehabilitaci\\u00f3 integral d&#039;aquesta masia&quot;}]\"><img decoding=\"async\" data-no-lazy=\"1\" class=\"portfolio-entry-img skip-lazy\" src=\"https:\/\/www.garciafaura.com\/wp-content\/uploads\/2018\/11\/Rehabilitacio\u0301-Can-Coll-01-x.jpg\" alt=\"Architecture En Aluminium Pour La R\u00e9habilitation Int\u00e9grale De Cette Maison Rurale\" data-no-retina \/><\/a><\/div><div class=\"portfolio-entry-details entry-details wpex-clr\"><h2 class=\"portfolio-entry-title entry-title\"><a href=\"https:\/\/www.garciafaura.com\/fr\/portfolio-item\/reamenagement-can-coll\/\" title=\"R\u00e9am\u00e9nagement Can Coll\">R\u00e9am\u00e9nagement Can Coll<\/a><\/h2><div class=\"portfolio-entry-categories entry-categories wpex-clr\"><a href=\"https:\/\/www.garciafaura.com\/fr\/portfolio-category\/lotissement\/\" class=\"term-72\">Lotissement<\/a><\/div><\/div><\/div><\/div><div class=\"portfolio-entry vcex-grid-item entry-has-details span_1_of_3 col col-1 vcex-isotope-entry vcex-no-margin-entry post-20387 entry type-portfolio has-media cat-77 cat-72 cat-90 translation_priority-5\"><div class=\"portfolio-entry-inner entry-inner wpex-clr\"><div class=\"portfolio-entry-media entry-media wpex-clr\"><a href=\"https:\/\/www.garciafaura.com\/wp-content\/uploads\/2018\/11\/Rehabilitacio\u0301-Can-Modolell-01.jpg\" title=\"R\u00e9am\u00e9nagement Can Modolell\" class=\"portfolio-entry-media-link wpex-lightbox-gallery\" data-gallery=\"[{&quot;src&quot;:&quot;https:\\\/\\\/www.garciafaura.com\\\/wp-content\\\/uploads\\\/2018\\\/11\\\/Rehabilitacio\\u0301-Can-Modolell-01.jpg&quot;,&quot;title&quot;:&quot;R\\u00e9habilitation int\\u00e9grale de la tour Can Modolell et du nouveau lotissement annexe&quot;},{&quot;src&quot;:&quot;https:\\\/\\\/www.garciafaura.com\\\/wp-content\\\/uploads\\\/2018\\\/11\\\/Rehabilitacio\\u0301-Can-Modolell-02.jpg&quot;,&quot;title&quot;:&quot;Rehabilitaci\\u00f3 integral de la torre Can Modolell i nova urbanitzaci\\u00f3 annexa&quot;}]\"><img decoding=\"async\" data-no-lazy=\"1\" class=\"portfolio-entry-img skip-lazy\" src=\"https:\/\/www.garciafaura.com\/wp-content\/uploads\/2018\/11\/Rehabilitacio\u0301-Can-Modolell-01-x.jpg\" alt=\"R\u00e9habilitation Int\u00e9grale De La Tour Can Modolell Et Du Nouveau Lotissement Annexe\" data-no-retina \/><\/a><\/div><div class=\"portfolio-entry-details entry-details wpex-clr\"><h2 class=\"portfolio-entry-title entry-title\"><a href=\"https:\/\/www.garciafaura.com\/fr\/portfolio-item\/reamenagement-can-modolell\/\" title=\"R\u00e9am\u00e9nagement Can Modolell\">R\u00e9am\u00e9nagement Can Modolell<\/a><\/h2><div class=\"portfolio-entry-categories entry-categories wpex-clr\"><a href=\"https:\/\/www.garciafaura.com\/fr\/portfolio-category\/ensembles-residentiels\/\" class=\"term-77\">Ensembles r\u00e9sidentiels<\/a><\/div><\/div><\/div><\/div><div class=\"portfolio-entry vcex-grid-item entry-has-details span_1_of_3 col col-2 vcex-isotope-entry vcex-no-margin-entry post-20338 entry type-portfolio has-media cat-75 cat-90 translation_priority-5\"><div class=\"portfolio-entry-inner entry-inner wpex-clr\"><div class=\"portfolio-entry-media entry-media wpex-clr\"><a href=\"https:\/\/www.garciafaura.com\/wp-content\/uploads\/2018\/11\/Teatre-Principal-Terrassa-33.jpg\" title=\"Th\u00e9\u00e2tre Principal de Terrassa\" class=\"portfolio-entry-media-link wpex-lightbox-gallery\" data-gallery=\"[{&quot;src&quot;:&quot;https:\\\/\\\/www.garciafaura.com\\\/wp-content\\\/uploads\\\/2018\\\/11\\\/Teatre-Principal-Terrassa-33.jpg&quot;,&quot;title&quot;:&quot;R\\u00e9habilitation int\\u00e9grale en fer, verre et aluminium pour ce b\\u00e2timent historique de style moderniste&quot;},{&quot;src&quot;:&quot;https:\\\/\\\/www.garciafaura.com\\\/wp-content\\\/uploads\\\/2018\\\/11\\\/Teatre-Principal-Terrassa-32.jpg&quot;,&quot;title&quot;:&quot;Rehabilitaci\\u00f3 integral en ferro, vidre i alumini d&#039;aquest edific hist\\u00f2ric d&#039;estil modernista&quot;},{&quot;src&quot;:&quot;https:\\\/\\\/www.garciafaura.com\\\/wp-content\\\/uploads\\\/2018\\\/11\\\/Teatre-Principal-Terrassa-31.jpg&quot;,&quot;title&quot;:&quot;Rehabilitaci\\u00f3 integral en ferro, vidre i alumini d&#039;aquest edific hist\\u00f2ric d&#039;estil modernista&quot;},{&quot;src&quot;:&quot;https:\\\/\\\/www.garciafaura.com\\\/wp-content\\\/uploads\\\/2018\\\/11\\\/Teatre-Principal-Terrassa-30.jpg&quot;,&quot;title&quot;:&quot;Rehabilitaci\\u00f3 integral en ferro, vidre i alumini d&#039;aquest edific hist\\u00f2ric d&#039;estil modernista&quot;},{&quot;src&quot;:&quot;https:\\\/\\\/www.garciafaura.com\\\/wp-content\\\/uploads\\\/2018\\\/11\\\/Teatre-Principal-Terrassa-29.jpg&quot;,&quot;title&quot;:&quot;Rehabilitaci\\u00f3 integral en ferro, vidre i alumini d&#039;aquest edific hist\\u00f2ric d&#039;estil modernista&quot;},{&quot;src&quot;:&quot;https:\\\/\\\/www.garciafaura.com\\\/wp-content\\\/uploads\\\/2018\\\/11\\\/Teatre-Principal-Terrassa-28.jpg&quot;,&quot;title&quot;:&quot;Rehabilitaci\\u00f3 integral en ferro, vidre i alumini d&#039;aquest edific hist\\u00f2ric d&#039;estil modernista&quot;},{&quot;src&quot;:&quot;https:\\\/\\\/www.garciafaura.com\\\/wp-content\\\/uploads\\\/2018\\\/11\\\/Teatre-Principal-Terrassa-27.jpg&quot;,&quot;title&quot;:&quot;Rehabilitaci\\u00f3 integral en ferro, vidre i alumini d&#039;aquest edific hist\\u00f2ric d&#039;estil modernista&quot;},{&quot;src&quot;:&quot;https:\\\/\\\/www.garciafaura.com\\\/wp-content\\\/uploads\\\/2018\\\/11\\\/Teatre-Principal-Terrassa-26.jpg&quot;,&quot;title&quot;:&quot;Rehabilitaci\\u00f3 integral en ferro, vidre i alumini d&#039;aquest edific hist\\u00f2ric d&#039;estil modernista&quot;},{&quot;src&quot;:&quot;https:\\\/\\\/www.garciafaura.com\\\/wp-content\\\/uploads\\\/2018\\\/11\\\/Teatre-Principal-Terrassa-25.jpg&quot;,&quot;title&quot;:&quot;Rehabilitaci\\u00f3 integral en ferro, vidre i alumini d&#039;aquest edific hist\\u00f2ric d&#039;estil modernista&quot;},{&quot;src&quot;:&quot;https:\\\/\\\/www.garciafaura.com\\\/wp-content\\\/uploads\\\/2018\\\/11\\\/Teatre-Principal-Terrassa-24.jpg&quot;,&quot;title&quot;:&quot;Rehabilitaci\\u00f3 integral en ferro, vidre i alumini d&#039;aquest edific hist\\u00f2ric d&#039;estil modernistaRehabilitaci\\u00f3 integral en ferro, vidre i alumini d&#039;aquest edific hist\\u00f2ric d&#039;estil modernista&quot;},{&quot;src&quot;:&quot;https:\\\/\\\/www.garciafaura.com\\\/wp-content\\\/uploads\\\/2018\\\/11\\\/Teatre-Principal-Terrassa-23.jpg&quot;,&quot;title&quot;:&quot;Rehabilitaci\\u00f3 integral en ferro, vidre i alumini d&#039;aquest edific hist\\u00f2ric d&#039;estil modernista&quot;},{&quot;src&quot;:&quot;https:\\\/\\\/www.garciafaura.com\\\/wp-content\\\/uploads\\\/2018\\\/11\\\/Teatre-Principal-Terrassa-22.jpg&quot;,&quot;title&quot;:&quot;Rehabilitaci\\u00f3 integral en ferro, vidre i alumini d&#039;aquest edific hist\\u00f2ric d&#039;estil modernista&quot;},{&quot;src&quot;:&quot;https:\\\/\\\/www.garciafaura.com\\\/wp-content\\\/uploads\\\/2018\\\/11\\\/Teatre-Principal-Terrassa-21.jpg&quot;,&quot;title&quot;:&quot;Rehabilitaci\\u00f3 integral en ferro, vidre i alumini d&#039;aquest edific hist\\u00f2ric d&#039;estil modernista&quot;},{&quot;src&quot;:&quot;https:\\\/\\\/www.garciafaura.com\\\/wp-content\\\/uploads\\\/2018\\\/11\\\/Teatre-Principal-Terrassa-19.jpg&quot;,&quot;title&quot;:&quot;Rehabilitaci\\u00f3 integral en ferro, vidre i alumini d&#039;aquest edific hist\\u00f2ric d&#039;estil modernistaRehabilitaci\\u00f3 integral en ferro, vidre i alumini d&#039;aquest edific hist\\u00f2ric d&#039;estil modernista&quot;},{&quot;src&quot;:&quot;https:\\\/\\\/www.garciafaura.com\\\/wp-content\\\/uploads\\\/2018\\\/11\\\/Teatre-Principal-Terrassa-20.jpg&quot;,&quot;title&quot;:&quot;Rehabilitaci\\u00f3 integral en ferro, vidre i alumini d&#039;aquest edific hist\\u00f2ric d&#039;estil modernista&quot;},{&quot;src&quot;:&quot;https:\\\/\\\/www.garciafaura.com\\\/wp-content\\\/uploads\\\/2018\\\/11\\\/Teatre-Principal-Terrassa-18.jpg&quot;,&quot;title&quot;:&quot;Rehabilitaci\\u00f3 integral en ferro, vidre i alumini d&#039;aquest edific hist\\u00f2ric d&#039;estil modernista&quot;},{&quot;src&quot;:&quot;https:\\\/\\\/www.garciafaura.com\\\/wp-content\\\/uploads\\\/2018\\\/11\\\/Teatre-Principal-Terrassa-17.jpg&quot;,&quot;title&quot;:&quot;Rehabilitaci\\u00f3 integral en ferro, vidre i alumini d&#039;aquest edific hist\\u00f2ric d&#039;estil modernista&quot;},{&quot;src&quot;:&quot;https:\\\/\\\/www.garciafaura.com\\\/wp-content\\\/uploads\\\/2018\\\/11\\\/Teatre-Principal-Terrassa-16.jpg&quot;,&quot;title&quot;:&quot;Rehabilitaci\\u00f3 integral en ferro, vidre i alumini d&#039;aquest edific hist\\u00f2ric d&#039;estil modernista&quot;},{&quot;src&quot;:&quot;https:\\\/\\\/www.garciafaura.com\\\/wp-content\\\/uploads\\\/2018\\\/11\\\/Teatre-Principal-Terrassa-15.jpg&quot;,&quot;title&quot;:&quot;Rehabilitaci\\u00f3 integral en ferro, vidre i alumini d&#039;aquest edific hist\\u00f2ric d&#039;estil modernista&quot;},{&quot;src&quot;:&quot;https:\\\/\\\/www.garciafaura.com\\\/wp-content\\\/uploads\\\/2018\\\/11\\\/Teatre-Principal-Terrassa-14.jpg&quot;,&quot;title&quot;:&quot;Rehabilitaci\\u00f3 integral en ferro, vidre i alumini d&#039;aquest edific hist\\u00f2ric d&#039;estil modernista&quot;},{&quot;src&quot;:&quot;https:\\\/\\\/www.garciafaura.com\\\/wp-content\\\/uploads\\\/2018\\\/11\\\/Teatre-Principal-Terrassa-13.jpg&quot;,&quot;title&quot;:&quot;Rehabilitaci\\u00f3 integral en ferro, vidre i alumini d&#039;aquest edific hist\\u00f2ric d&#039;estil modernista&quot;},{&quot;src&quot;:&quot;https:\\\/\\\/www.garciafaura.com\\\/wp-content\\\/uploads\\\/2018\\\/11\\\/Teatre-Principal-Terrassa-12.jpg&quot;,&quot;title&quot;:&quot;Rehabilitaci\\u00f3 integral en ferro, vidre i alumini d&#039;aquest edific hist\\u00f2ric d&#039;estil modernista&quot;},{&quot;src&quot;:&quot;https:\\\/\\\/www.garciafaura.com\\\/wp-content\\\/uploads\\\/2018\\\/11\\\/Teatre-Principal-Terrassa-11.jpg&quot;,&quot;title&quot;:&quot;Rehabilitaci\\u00f3 integral en ferro, vidre i alumini d&#039;aquest edific hist\\u00f2ric d&#039;estil modernista&quot;},{&quot;src&quot;:&quot;https:\\\/\\\/www.garciafaura.com\\\/wp-content\\\/uploads\\\/2018\\\/11\\\/Teatre-Principal-Terrassa-10.jpg&quot;,&quot;title&quot;:&quot;Rehabilitaci\\u00f3 integral en ferro, vidre i alumini d&#039;aquest edific hist\\u00f2ric d&#039;estil modernista&quot;},{&quot;src&quot;:&quot;https:\\\/\\\/www.garciafaura.com\\\/wp-content\\\/uploads\\\/2018\\\/11\\\/Teatre-Principal-Terrassa-09.jpg&quot;,&quot;title&quot;:&quot;Rehabilitaci\\u00f3 integral en ferro, vidre i alumini d&#039;aquest edific hist\\u00f2ric d&#039;estil modernista&quot;},{&quot;src&quot;:&quot;https:\\\/\\\/www.garciafaura.com\\\/wp-content\\\/uploads\\\/2018\\\/11\\\/Teatre-Principal-Terrassa-08.jpg&quot;,&quot;title&quot;:&quot;Rehabilitaci\\u00f3 integral en ferro, vidre i alumini d&#039;aquest edific hist\\u00f2ric d&#039;estil modernista&quot;},{&quot;src&quot;:&quot;https:\\\/\\\/www.garciafaura.com\\\/wp-content\\\/uploads\\\/2018\\\/11\\\/Teatre-Principal-Terrassa-07.jpg&quot;,&quot;title&quot;:&quot;Rehabilitaci\\u00f3 integral en ferro, vidre i alumini d&#039;aquest edific hist\\u00f2ric d&#039;estil modernista&quot;},{&quot;src&quot;:&quot;https:\\\/\\\/www.garciafaura.com\\\/wp-content\\\/uploads\\\/2018\\\/11\\\/Teatre-Principal-Terrassa-06.jpg&quot;,&quot;title&quot;:&quot;Rehabilitaci\\u00f3 integral en ferro, vidre i alumini d&#039;aquest edific hist\\u00f2ric d&#039;estil modernista&quot;},{&quot;src&quot;:&quot;https:\\\/\\\/www.garciafaura.com\\\/wp-content\\\/uploads\\\/2018\\\/11\\\/Teatre-Principal-Terrassa-05.jpg&quot;,&quot;title&quot;:&quot;Rehabilitaci\\u00f3 integral en ferro, vidre i alumini d&#039;aquest edific hist\\u00f2ric d&#039;estil modernista&quot;},{&quot;src&quot;:&quot;https:\\\/\\\/www.garciafaura.com\\\/wp-content\\\/uploads\\\/2018\\\/11\\\/Teatre-Principal-Terrassa-04.jpg&quot;,&quot;title&quot;:&quot;Rehabilitaci\\u00f3 integral en ferro, vidre i alumini d&#039;aquest edific hist\\u00f2ric d&#039;estil modernista&quot;},{&quot;src&quot;:&quot;https:\\\/\\\/www.garciafaura.com\\\/wp-content\\\/uploads\\\/2018\\\/11\\\/Teatre-Principal-Terrassa-03.jpg&quot;,&quot;title&quot;:&quot;Rehabilitaci\\u00f3 integral en ferro, vidre i alumini d&#039;aquest edific hist\\u00f2ric d&#039;estil modernista&quot;},{&quot;src&quot;:&quot;https:\\\/\\\/www.garciafaura.com\\\/wp-content\\\/uploads\\\/2018\\\/11\\\/Teatre-Principal-Terrassa-02.jpg&quot;,&quot;title&quot;:&quot;Rehabilitaci\\u00f3 integral en ferro, vidre i alumini d&#039;aquest edific hist\\u00f2ric d&#039;estil modernista&quot;},{&quot;src&quot;:&quot;https:\\\/\\\/www.garciafaura.com\\\/wp-content\\\/uploads\\\/2018\\\/11\\\/Teatre-Principal-Terrassa-01.jpg&quot;,&quot;title&quot;:&quot;Rehabilitaci\\u00f3 integral en ferro, vidre i alumini d&#039;aquest edific hist\\u00f2ric d&#039;estil modernista&quot;},{&quot;src&quot;:&quot;https:\\\/\\\/www.garciafaura.com\\\/wp-content\\\/uploads\\\/2018\\\/11\\\/Teatre-Principal-Terrassa-34.jpg&quot;,&quot;title&quot;:&quot;Rehabilitaci\\u00f3 integral en ferro, vidre i alumini d&#039;aquest edific hist\\u00f2ric d&#039;estil modernista&quot;},{&quot;src&quot;:&quot;https:\\\/\\\/www.garciafaura.com\\\/wp-content\\\/uploads\\\/2018\\\/11\\\/Teatre-Principal-Terrassa-35.jpg&quot;,&quot;title&quot;:&quot;Rehabilitaci\\u00f3 integral en ferro, vidre i alumini d&#039;aquest edific hist\\u00f2ric d&#039;estil modernistaRehabilitaci\\u00f3 integral en ferro, vidre i alumini d&#039;aquest edific hist\\u00f2ric d&#039;estil modernista&quot;}]\"><img decoding=\"async\" data-no-lazy=\"1\" class=\"portfolio-entry-img skip-lazy\" src=\"https:\/\/www.garciafaura.com\/wp-content\/uploads\/2018\/11\/Teatre-Principal-Terrassa-33-x.jpg\" alt=\"R\u00e9habilitation Int\u00e9grale En Fer, Verre Et Aluminium Pour Ce B\u00e2timent Historique De Style Moderniste\" data-no-retina \/><\/a><\/div><div class=\"portfolio-entry-details entry-details wpex-clr\"><h2 class=\"portfolio-entry-title entry-title\"><a href=\"https:\/\/www.garciafaura.com\/fr\/portfolio-item\/theatre-principal-de-terrassa\/\" title=\"Th\u00e9\u00e2tre Principal de Terrassa\">Th\u00e9\u00e2tre Principal de Terrassa<\/a><\/h2><div class=\"portfolio-entry-categories entry-categories wpex-clr\"><a href=\"https:\/\/www.garciafaura.com\/fr\/portfolio-category\/batiments-de-services\/\" class=\"term-75\">B\u00e2timents de Services<\/a><\/div><\/div><\/div><\/div><div class=\"portfolio-entry vcex-grid-item entry-has-details span_1_of_3 col col-3 vcex-isotope-entry vcex-no-margin-entry post-20331 entry type-portfolio has-media cat-75 cat-90 translation_priority-5\"><div class=\"portfolio-entry-inner entry-inner wpex-clr\"><div class=\"portfolio-entry-media entry-media wpex-clr\"><a href=\"https:\/\/www.garciafaura.com\/wp-content\/uploads\/2018\/11\/Centre-Cultura-Contempora\u0300nia-Barcelona-01.jpg\" title=\"Centre de Culture Contemporaine (CCCB)\" class=\"portfolio-entry-media-link wpex-lightbox-gallery\" data-gallery=\"[{&quot;src&quot;:&quot;https:\\\/\\\/www.garciafaura.com\\\/wp-content\\\/uploads\\\/2018\\\/11\\\/Centre-Cultura-Contempora\\u0300nia-Barcelona-01.jpg&quot;,&quot;title&quot;:&quot;Travaux en verre, fa\\u00e7ade et acc\\u00e8s pour cet embl\\u00e9matique immeuble de Barcelone&quot;},{&quot;src&quot;:&quot;https:\\\/\\\/www.garciafaura.com\\\/wp-content\\\/uploads\\\/2018\\\/11\\\/Centre-Cultura-Contempora\\u0300nia-Barcelona-11.jpg&quot;,&quot;title&quot;:&quot;Treballs de vidrieria, fa\\u00e7ana i accessos d&#039;aquest emblem\\u00e0tic equipament barcelon\\u00ed&quot;},{&quot;src&quot;:&quot;https:\\\/\\\/www.garciafaura.com\\\/wp-content\\\/uploads\\\/2018\\\/11\\\/Centre-Cultura-Contempora\\u0300nia-Barcelona-10.jpg&quot;,&quot;title&quot;:&quot;Treballs de vidrieria, fa\\u00e7ana i accessos d&#039;aquest emblem\\u00e0tic equipament barcelon\\u00ed&quot;},{&quot;src&quot;:&quot;https:\\\/\\\/www.garciafaura.com\\\/wp-content\\\/uploads\\\/2018\\\/11\\\/Centre-Cultura-Contempora\\u0300nia-Barcelona-09.jpg&quot;,&quot;title&quot;:&quot;Treballs de vidrieria, fa\\u00e7ana i accessos d&#039;aquest emblem\\u00e0tic equipament barcelon\\u00ed&quot;},{&quot;src&quot;:&quot;https:\\\/\\\/www.garciafaura.com\\\/wp-content\\\/uploads\\\/2018\\\/11\\\/Centre-Cultura-Contempora\\u0300nia-Barcelona-08.jpg&quot;,&quot;title&quot;:&quot;Treballs de vidrieria, fa\\u00e7ana i accessos d&#039;aquest emblem\\u00e0tic equipament barcelon\\u00ed&quot;},{&quot;src&quot;:&quot;https:\\\/\\\/www.garciafaura.com\\\/wp-content\\\/uploads\\\/2018\\\/11\\\/Centre-Cultura-Contempora\\u0300nia-Barcelona-06.jpg&quot;,&quot;title&quot;:&quot;Treballs de vidrieria, fa\\u00e7ana i accessos d&#039;aquest emblem\\u00e0tic equipament barcelon\\u00ed&quot;},{&quot;src&quot;:&quot;https:\\\/\\\/www.garciafaura.com\\\/wp-content\\\/uploads\\\/2018\\\/11\\\/Centre-Cultura-Contempora\\u0300nia-Barcelona-07.jpg&quot;,&quot;title&quot;:&quot;Treballs de vidrieria, fa\\u00e7ana i accessos d&#039;aquest emblem\\u00e0tic equipament barcelon\\u00ed&quot;},{&quot;src&quot;:&quot;https:\\\/\\\/www.garciafaura.com\\\/wp-content\\\/uploads\\\/2018\\\/11\\\/Centre-Cultura-Contempora\\u0300nia-Barcelona-05.jpg&quot;,&quot;title&quot;:&quot;Treballs de vidrieria, fa\\u00e7ana i accessos d&#039;aquest emblem\\u00e0tic equipament barcelon\\u00ed&quot;},{&quot;src&quot;:&quot;https:\\\/\\\/www.garciafaura.com\\\/wp-content\\\/uploads\\\/2018\\\/11\\\/Centre-Cultura-Contempora\\u0300nia-Barcelona-04.jpg&quot;,&quot;title&quot;:&quot;Treballs de vidrieria, fa\\u00e7ana i accessos d&#039;aquest emblem\\u00e0tic equipament barcelon\\u00ed&quot;},{&quot;src&quot;:&quot;https:\\\/\\\/www.garciafaura.com\\\/wp-content\\\/uploads\\\/2018\\\/11\\\/Centre-Cultura-Contempora\\u0300nia-Barcelona-03.jpg&quot;,&quot;title&quot;:&quot;Treballs de vidrieria, fa\\u00e7ana i accessos d&#039;aquest emblem\\u00e0tic equipament barcelon\\u00ed&quot;},{&quot;src&quot;:&quot;https:\\\/\\\/www.garciafaura.com\\\/wp-content\\\/uploads\\\/2018\\\/11\\\/Centre-Cultura-Contempora\\u0300nia-Barcelona-02.jpg&quot;,&quot;title&quot;:&quot;Treballs de vidrieria, fa\\u00e7ana i accessos d&#039;aquest emblem\\u00e0tic equipament barcelon\\u00ed&quot;}]\"><img decoding=\"async\" data-no-lazy=\"1\" class=\"portfolio-entry-img skip-lazy\" src=\"https:\/\/www.garciafaura.com\/wp-content\/uploads\/2018\/11\/Centre-Cultura-Contempora\u0300nia-Barcelona-01-x.jpg\" alt=\"Travaux En Verre, Fa\u00e7ade Et Acc\u00e8s Pour Cet Embl\u00e9matique Immeuble De Barcelone\" data-no-retina \/><\/a><\/div><div class=\"portfolio-entry-details entry-details wpex-clr\"><h2 class=\"portfolio-entry-title entry-title\"><a href=\"https:\/\/www.garciafaura.com\/fr\/portfolio-item\/centre-de-culture-contemporaine-cccb\/\" title=\"Centre de Culture Contemporaine (CCCB)\">Centre de Culture Contemporaine (CCCB)<\/a><\/h2><div class=\"portfolio-entry-categories entry-categories wpex-clr\"><a href=\"https:\/\/www.garciafaura.com\/fr\/portfolio-category\/batiments-de-services\/\" class=\"term-75\">B\u00e2timents de Services<\/a><\/div><\/div><\/div><\/div><div class=\"portfolio-entry vcex-grid-item entry-has-details span_1_of_3 col col-1 vcex-isotope-entry vcex-no-margin-entry post-20324 entry type-portfolio has-media cat-75 cat-90 translation_priority-5\"><div class=\"portfolio-entry-inner entry-inner wpex-clr\"><div class=\"portfolio-entry-media entry-media wpex-clr\"><a href=\"https:\/\/www.garciafaura.com\/wp-content\/uploads\/2018\/11\/Estacio\u0301-trens-Gava\u0300-01.jpg\" title=\"Gare de Gav\u00e0\" class=\"portfolio-entry-media-link wpex-lightbox-gallery\" data-gallery=\"[{&quot;src&quot;:&quot;https:\\\/\\\/www.garciafaura.com\\\/wp-content\\\/uploads\\\/2018\\\/11\\\/Estacio\\u0301-trens-Gava\\u0300-01.jpg&quot;,&quot;title&quot;:&quot;R\\u00e9am\\u00e9nagement du b\\u00e2timent historique et fermetures pour le nouveau module de services de la gare&quot;},{&quot;src&quot;:&quot;https:\\\/\\\/www.garciafaura.com\\\/wp-content\\\/uploads\\\/2018\\\/11\\\/Estacio\\u0301-trens-Gava\\u0300-13.jpg&quot;,&quot;title&quot;:&quot;Rehabilitaci\\u00f3 de l&#039;edifici hist\\u00f2ric i tancaments del nou m\\u00f2dul de serveis de l&#039;estaci\\u00f3&quot;},{&quot;src&quot;:&quot;https:\\\/\\\/www.garciafaura.com\\\/wp-content\\\/uploads\\\/2018\\\/11\\\/Estacio\\u0301-trens-Gava\\u0300-11.jpg&quot;,&quot;title&quot;:&quot;Rehabilitaci\\u00f3 de l&#039;edifici hist\\u00f2ric i tancaments del nou m\\u00f2dul de serveis de l&#039;estaci\\u00f3&quot;},{&quot;src&quot;:&quot;https:\\\/\\\/www.garciafaura.com\\\/wp-content\\\/uploads\\\/2018\\\/11\\\/Estacio\\u0301-trens-Gava\\u0300-10.jpg&quot;,&quot;title&quot;:&quot;Rehabilitaci\\u00f3 de l&#039;edifici hist\\u00f2ric i tancaments del nou m\\u00f2dul de serveis de l&#039;estaci\\u00f3&quot;},{&quot;src&quot;:&quot;https:\\\/\\\/www.garciafaura.com\\\/wp-content\\\/uploads\\\/2018\\\/11\\\/Estacio\\u0301-trens-Gava\\u0300-09.jpg&quot;,&quot;title&quot;:&quot;Rehabilitaci\\u00f3 de l&#039;edifici hist\\u00f2ric i tancaments del nou m\\u00f2dul de serveis de l&#039;estaci\\u00f3&quot;},{&quot;src&quot;:&quot;https:\\\/\\\/www.garciafaura.com\\\/wp-content\\\/uploads\\\/2018\\\/11\\\/Estacio\\u0301-trens-Gava\\u0300-08.jpg&quot;,&quot;title&quot;:&quot;Rehabilitaci\\u00f3 de l&#039;edifici hist\\u00f2ric i tancaments del nou m\\u00f2dul de serveis de l&#039;estaci\\u00f3&quot;},{&quot;src&quot;:&quot;https:\\\/\\\/www.garciafaura.com\\\/wp-content\\\/uploads\\\/2018\\\/11\\\/Estacio\\u0301-trens-Gava\\u0300-07.jpg&quot;,&quot;title&quot;:&quot;Rehabilitaci\\u00f3 de l&#039;edifici hist\\u00f2ric i tancaments del nou m\\u00f2dul de serveis de l&#039;estaci\\u00f3&quot;},{&quot;src&quot;:&quot;https:\\\/\\\/www.garciafaura.com\\\/wp-content\\\/uploads\\\/2018\\\/11\\\/Estacio\\u0301-trens-Gava\\u0300-06.jpg&quot;,&quot;title&quot;:&quot;Rehabilitaci\\u00f3 de l&#039;edifici hist\\u00f2ric i tancaments del nou m\\u00f2dul de serveis de l&#039;estaci\\u00f3&quot;},{&quot;src&quot;:&quot;https:\\\/\\\/www.garciafaura.com\\\/wp-content\\\/uploads\\\/2018\\\/11\\\/Estacio\\u0301-trens-Gava\\u0300-05.jpg&quot;,&quot;title&quot;:&quot;Rehabilitaci\\u00f3 de l&#039;edifici hist\\u00f2ric i tancaments del nou m\\u00f2dul de serveis de l&#039;estaci\\u00f3&quot;},{&quot;src&quot;:&quot;https:\\\/\\\/www.garciafaura.com\\\/wp-content\\\/uploads\\\/2018\\\/11\\\/Estacio\\u0301-trens-Gava\\u0300-04.jpg&quot;,&quot;title&quot;:&quot;Rehabilitaci\\u00f3 de l&#039;edifici hist\\u00f2ric i tancaments del nou m\\u00f2dul de serveis de l&#039;estaci\\u00f3&quot;},{&quot;src&quot;:&quot;https:\\\/\\\/www.garciafaura.com\\\/wp-content\\\/uploads\\\/2018\\\/11\\\/Estacio\\u0301-trens-Gava\\u0300-03.jpg&quot;,&quot;title&quot;:&quot;Rehabilitaci\\u00f3 de l&#039;edifici hist\\u00f2ric i tancaments del nou m\\u00f2dul de serveis de l&#039;estaci\\u00f3&quot;},{&quot;src&quot;:&quot;https:\\\/\\\/www.garciafaura.com\\\/wp-content\\\/uploads\\\/2018\\\/11\\\/Estacio\\u0301-trens-Gava\\u0300-02.jpg&quot;,&quot;title&quot;:&quot;Rehabilitaci\\u00f3 de l&#039;edifici hist\\u00f2ric i tancaments del nou m\\u00f2dul de serveis de l&#039;estaci\\u00f3&quot;}]\"><img decoding=\"async\" data-no-lazy=\"1\" class=\"portfolio-entry-img skip-lazy\" src=\"https:\/\/www.garciafaura.com\/wp-content\/uploads\/2018\/11\/Estacio\u0301-trens-Gava\u0300-01-x.jpg\" alt=\"R\u00e9am\u00e9nagement Du B\u00e2timent Historique Et Fermetures Pour Le Nouveau Module De Services De La Gare\" data-no-retina \/><\/a><\/div><div class=\"portfolio-entry-details entry-details wpex-clr\"><h2 class=\"portfolio-entry-title entry-title\"><a href=\"https:\/\/www.garciafaura.com\/fr\/portfolio-item\/gare-de-gava\/\" title=\"Gare de Gav\u00e0\">Gare de Gav\u00e0<\/a><\/h2><div class=\"portfolio-entry-categories entry-categories wpex-clr\"><a href=\"https:\/\/www.garciafaura.com\/fr\/portfolio-category\/batiments-de-services\/\" class=\"term-75\">B\u00e2timents de Services<\/a><\/div><\/div><\/div><\/div><div class=\"portfolio-entry vcex-grid-item entry-has-details span_1_of_3 col col-2 vcex-isotope-entry vcex-no-margin-entry post-20323 entry type-portfolio has-media cat-75 cat-90 translation_priority-5\"><div class=\"portfolio-entry-inner entry-inner wpex-clr\"><div class=\"portfolio-entry-media entry-media wpex-clr\"><a href=\"https:\/\/www.garciafaura.com\/wp-content\/uploads\/2018\/11\/Centre-Recursos-Fami\u0301lies-Gava\u0300-10.jpg\" title=\"Centre de Ressources pour les Familles\" class=\"portfolio-entry-media-link wpex-lightbox-gallery\" data-gallery=\"[{&quot;src&quot;:&quot;https:\\\/\\\/www.garciafaura.com\\\/wp-content\\\/uploads\\\/2018\\\/11\\\/Centre-Recursos-Fami\\u0301lies-Gava\\u0300-10.jpg&quot;,&quot;title&quot;:&quot;Fermetures et rev\\u00eatement de fa\\u00e7ade pour ce b\\u00e2timent municipal \\u00e0 Gav\\u00e0&quot;},{&quot;src&quot;:&quot;https:\\\/\\\/www.garciafaura.com\\\/wp-content\\\/uploads\\\/2018\\\/11\\\/Centre-Recursos-Fami\\u0301lies-Gava\\u0300-12.jpg&quot;,&quot;title&quot;:&quot;Tancaments i revestiment de fa\\u00e7ana d&#039;aquest equipament municipal de Gav\\u00e0&quot;},{&quot;src&quot;:&quot;https:\\\/\\\/www.garciafaura.com\\\/wp-content\\\/uploads\\\/2018\\\/11\\\/Centre-Recursos-Fami\\u0301lies-Gava\\u0300-11.jpg&quot;,&quot;title&quot;:&quot;Tancaments i revestiment de fa\\u00e7ana d&#039;aquest equipament municipal de Gav\\u00e0&quot;},{&quot;src&quot;:&quot;https:\\\/\\\/www.garciafaura.com\\\/wp-content\\\/uploads\\\/2018\\\/11\\\/Centre-Recursos-Fami\\u0301lies-Gava\\u0300-01.jpg&quot;,&quot;title&quot;:&quot;Tancaments i revestiment de fa\\u00e7ana d&#039;aquest equipament municipal de Gav\\u00e0&quot;},{&quot;src&quot;:&quot;https:\\\/\\\/www.garciafaura.com\\\/wp-content\\\/uploads\\\/2018\\\/11\\\/Centre-Recursos-Fami\\u0301lies-Gava\\u0300-09.jpg&quot;,&quot;title&quot;:&quot;Tancaments i revestiment de fa\\u00e7ana d&#039;aquest equipament municipal de Gav\\u00e0&quot;},{&quot;src&quot;:&quot;https:\\\/\\\/www.garciafaura.com\\\/wp-content\\\/uploads\\\/2018\\\/11\\\/Centre-Recursos-Fami\\u0301lies-Gava\\u0300-08.jpg&quot;,&quot;title&quot;:&quot;Tancaments i revestiment de fa\\u00e7ana d&#039;aquest equipament municipal de Gav\\u00e0&quot;},{&quot;src&quot;:&quot;https:\\\/\\\/www.garciafaura.com\\\/wp-content\\\/uploads\\\/2018\\\/11\\\/Centre-Recursos-Fami\\u0301lies-Gava\\u0300-06.jpg&quot;,&quot;title&quot;:&quot;Tancaments i revestiment de fa\\u00e7ana d&#039;aquest equipament municipal de Gav\\u00e0&quot;},{&quot;src&quot;:&quot;https:\\\/\\\/www.garciafaura.com\\\/wp-content\\\/uploads\\\/2018\\\/11\\\/Centre-Recursos-Fami\\u0301lies-Gava\\u0300-07.jpg&quot;,&quot;title&quot;:&quot;Tancaments i revestiment de fa\\u00e7ana d&#039;aquest equipament municipal de Gav\\u00e0&quot;},{&quot;src&quot;:&quot;https:\\\/\\\/www.garciafaura.com\\\/wp-content\\\/uploads\\\/2018\\\/11\\\/Centre-Recursos-Fami\\u0301lies-Gava\\u0300-05.jpg&quot;,&quot;title&quot;:&quot;Tancaments i revestiment de fa\\u00e7ana d&#039;aquest equipament municipal de Gav\\u00e0&quot;},{&quot;src&quot;:&quot;https:\\\/\\\/www.garciafaura.com\\\/wp-content\\\/uploads\\\/2018\\\/11\\\/Centre-Recursos-Fami\\u0301lies-Gava\\u0300-04.jpg&quot;,&quot;title&quot;:&quot;Tancaments i revestiment de fa\\u00e7ana d&#039;aquest equipament municipal de Gav\\u00e0&quot;},{&quot;src&quot;:&quot;https:\\\/\\\/www.garciafaura.com\\\/wp-content\\\/uploads\\\/2018\\\/11\\\/Centre-Recursos-Fami\\u0301lies-Gava\\u0300-03.jpg&quot;,&quot;title&quot;:&quot;Tancaments i revestiment de fa\\u00e7ana d&#039;aquest equipament municipal de Gav\\u00e0&quot;},{&quot;src&quot;:&quot;https:\\\/\\\/www.garciafaura.com\\\/wp-content\\\/uploads\\\/2018\\\/11\\\/Centre-Recursos-Fami\\u0301lies-Gava\\u0300-02.jpg&quot;,&quot;title&quot;:&quot;Tancaments i revestiment de fa\\u00e7ana d&#039;aquest equipament municipal de Gav\\u00e0&quot;},{&quot;src&quot;:&quot;https:\\\/\\\/www.garciafaura.com\\\/wp-content\\\/uploads\\\/2018\\\/11\\\/Centre-Recursos-Fami\\u0301lies-Gava\\u0300-41.jpg&quot;,&quot;title&quot;:&quot;Tancaments i revestiment de fa\\u00e7ana d&#039;aquest equipament municipal de Gav\\u00e0&quot;},{&quot;src&quot;:&quot;https:\\\/\\\/www.garciafaura.com\\\/wp-content\\\/uploads\\\/2018\\\/11\\\/Centre-Recursos-Fami\\u0301lies-Gava\\u0300-40.jpg&quot;,&quot;title&quot;:&quot;Tancaments i revestiment de fa\\u00e7ana d&#039;aquest equipament municipal de Gav\\u00e0&quot;},{&quot;src&quot;:&quot;https:\\\/\\\/www.garciafaura.com\\\/wp-content\\\/uploads\\\/2018\\\/11\\\/Centre-Recursos-Fami\\u0301lies-Gava\\u0300-39.jpg&quot;,&quot;title&quot;:&quot;Tancaments i revestiment de fa\\u00e7ana d&#039;aquest equipament municipal de Gav\\u00e0&quot;},{&quot;src&quot;:&quot;https:\\\/\\\/www.garciafaura.com\\\/wp-content\\\/uploads\\\/2018\\\/11\\\/Centre-Recursos-Fami\\u0301lies-Gava\\u0300-38.jpg&quot;,&quot;title&quot;:&quot;Tancaments i revestiment de fa\\u00e7ana d&#039;aquest equipament municipal de Gav\\u00e0&quot;},{&quot;src&quot;:&quot;https:\\\/\\\/www.garciafaura.com\\\/wp-content\\\/uploads\\\/2018\\\/11\\\/Centre-Recursos-Fami\\u0301lies-Gava\\u0300-37.jpg&quot;,&quot;title&quot;:&quot;Tancaments i revestiment de fa\\u00e7ana d&#039;aquest equipament municipal de Gav\\u00e0&quot;},{&quot;src&quot;:&quot;https:\\\/\\\/www.garciafaura.com\\\/wp-content\\\/uploads\\\/2018\\\/11\\\/Centre-Recursos-Fami\\u0301lies-Gava\\u0300-36.jpg&quot;,&quot;title&quot;:&quot;Tancaments i revestiment de fa\\u00e7ana d&#039;aquest equipament municipal de Gav\\u00e0&quot;},{&quot;src&quot;:&quot;https:\\\/\\\/www.garciafaura.com\\\/wp-content\\\/uploads\\\/2018\\\/11\\\/Centre-Recursos-Fami\\u0301lies-Gava\\u0300-35.jpg&quot;,&quot;title&quot;:&quot;Tancaments i revestiment de fa\\u00e7ana d&#039;aquest equipament municipal de Gav\\u00e0&quot;},{&quot;src&quot;:&quot;https:\\\/\\\/www.garciafaura.com\\\/wp-content\\\/uploads\\\/2018\\\/11\\\/Centre-Recursos-Fami\\u0301lies-Gava\\u0300-34.jpg&quot;,&quot;title&quot;:&quot;Tancaments i revestiment de fa\\u00e7ana d&#039;aquest equipament municipal de Gav\\u00e0&quot;},{&quot;src&quot;:&quot;https:\\\/\\\/www.garciafaura.com\\\/wp-content\\\/uploads\\\/2018\\\/11\\\/Centre-Recursos-Fami\\u0301lies-Gava\\u0300-33.jpg&quot;,&quot;title&quot;:&quot;Tancaments i revestiment de fa\\u00e7ana d&#039;aquest equipament municipal de Gav\\u00e0&quot;},{&quot;src&quot;:&quot;https:\\\/\\\/www.garciafaura.com\\\/wp-content\\\/uploads\\\/2018\\\/11\\\/Centre-Recursos-Fami\\u0301lies-Gava\\u0300-32.jpg&quot;,&quot;title&quot;:&quot;Tancaments i revestiment de fa\\u00e7ana d&#039;aquest equipament municipal de Gav\\u00e0&quot;},{&quot;src&quot;:&quot;https:\\\/\\\/www.garciafaura.com\\\/wp-content\\\/uploads\\\/2018\\\/11\\\/Centre-Recursos-Fami\\u0301lies-Gava\\u0300-31.jpg&quot;,&quot;title&quot;:&quot;Tancaments i revestiment de fa\\u00e7ana d&#039;aquest equipament municipal de Gav\\u00e0&quot;},{&quot;src&quot;:&quot;https:\\\/\\\/www.garciafaura.com\\\/wp-content\\\/uploads\\\/2018\\\/11\\\/Centre-Recursos-Fami\\u0301lies-Gava\\u0300-30.jpg&quot;,&quot;title&quot;:&quot;Tancaments i revestiment de fa\\u00e7ana d&#039;aquest equipament municipal de Gav\\u00e0&quot;},{&quot;src&quot;:&quot;https:\\\/\\\/www.garciafaura.com\\\/wp-content\\\/uploads\\\/2018\\\/11\\\/Centre-Recursos-Fami\\u0301lies-Gava\\u0300-29.jpg&quot;,&quot;title&quot;:&quot;Tancaments i revestiment de fa\\u00e7ana d&#039;aquest equipament municipal de Gav\\u00e0&quot;},{&quot;src&quot;:&quot;https:\\\/\\\/www.garciafaura.com\\\/wp-content\\\/uploads\\\/2018\\\/11\\\/Centre-Recursos-Fami\\u0301lies-Gava\\u0300-28.jpg&quot;,&quot;title&quot;:&quot;Tancaments i revestiment de fa\\u00e7ana d&#039;aquest equipament municipal de Gav\\u00e0&quot;},{&quot;src&quot;:&quot;https:\\\/\\\/www.garciafaura.com\\\/wp-content\\\/uploads\\\/2018\\\/11\\\/Centre-Recursos-Fami\\u0301lies-Gava\\u0300-27.jpg&quot;,&quot;title&quot;:&quot;Tancaments i revestiment de fa\\u00e7ana d&#039;aquest equipament municipal de Gav\\u00e0&quot;},{&quot;src&quot;:&quot;https:\\\/\\\/www.garciafaura.com\\\/wp-content\\\/uploads\\\/2018\\\/11\\\/Centre-Recursos-Fami\\u0301lies-Gava\\u0300-26.jpg&quot;,&quot;title&quot;:&quot;Tancaments i revestiment de fa\\u00e7ana d&#039;aquest equipament municipal de Gav\\u00e0&quot;},{&quot;src&quot;:&quot;https:\\\/\\\/www.garciafaura.com\\\/wp-content\\\/uploads\\\/2018\\\/11\\\/Centre-Recursos-Fami\\u0301lies-Gava\\u0300-25.jpg&quot;,&quot;title&quot;:&quot;Tancaments i revestiment de fa\\u00e7ana d&#039;aquest equipament municipal de Gav\\u00e0&quot;},{&quot;src&quot;:&quot;https:\\\/\\\/www.garciafaura.com\\\/wp-content\\\/uploads\\\/2018\\\/11\\\/Centre-Recursos-Fami\\u0301lies-Gava\\u0300-24.jpg&quot;,&quot;title&quot;:&quot;Tancaments i revestiment de fa\\u00e7ana d&#039;aquest equipament municipal de Gav\\u00e0&quot;},{&quot;src&quot;:&quot;https:\\\/\\\/www.garciafaura.com\\\/wp-content\\\/uploads\\\/2018\\\/11\\\/Centre-Recursos-Fami\\u0301lies-Gava\\u0300-23.jpg&quot;,&quot;title&quot;:&quot;Tancaments i revestiment de fa\\u00e7ana d&#039;aquest equipament municipal de Gav\\u00e0&quot;},{&quot;src&quot;:&quot;https:\\\/\\\/www.garciafaura.com\\\/wp-content\\\/uploads\\\/2018\\\/11\\\/Centre-Recursos-Fami\\u0301lies-Gava\\u0300-22.jpg&quot;,&quot;title&quot;:&quot;Tancaments i revestiment de fa\\u00e7ana d&#039;aquest equipament municipal de Gav\\u00e0&quot;},{&quot;src&quot;:&quot;https:\\\/\\\/www.garciafaura.com\\\/wp-content\\\/uploads\\\/2018\\\/11\\\/Centre-Recursos-Fami\\u0301lies-Gava\\u0300-21.jpg&quot;,&quot;title&quot;:&quot;Tancaments i revestiment de fa\\u00e7ana d&#039;aquest equipament municipal de Gav\\u00e0&quot;},{&quot;src&quot;:&quot;https:\\\/\\\/www.garciafaura.com\\\/wp-content\\\/uploads\\\/2018\\\/11\\\/Centre-Recursos-Fami\\u0301lies-Gava\\u0300-20.jpg&quot;,&quot;title&quot;:&quot;Tancaments i revestiment de fa\\u00e7ana d&#039;aquest equipament municipal de Gav\\u00e0&quot;},{&quot;src&quot;:&quot;https:\\\/\\\/www.garciafaura.com\\\/wp-content\\\/uploads\\\/2018\\\/11\\\/Centre-Recursos-Fami\\u0301lies-Gava\\u0300-19.jpg&quot;,&quot;title&quot;:&quot;Tancaments i revestiment de fa\\u00e7ana d&#039;aquest equipament municipal de Gav\\u00e0&quot;},{&quot;src&quot;:&quot;https:\\\/\\\/www.garciafaura.com\\\/wp-content\\\/uploads\\\/2018\\\/11\\\/Centre-Recursos-Fami\\u0301lies-Gava\\u0300-18.jpg&quot;,&quot;title&quot;:&quot;Tancaments i revestiment de fa\\u00e7ana d&#039;aquest equipament municipal de Gav\\u00e0&quot;},{&quot;src&quot;:&quot;https:\\\/\\\/www.garciafaura.com\\\/wp-content\\\/uploads\\\/2018\\\/11\\\/Centre-Recursos-Fami\\u0301lies-Gava\\u0300-17.jpg&quot;,&quot;title&quot;:&quot;Tancaments i revestiment de fa\\u00e7ana d&#039;aquest equipament municipal de Gav\\u00e0&quot;},{&quot;src&quot;:&quot;https:\\\/\\\/www.garciafaura.com\\\/wp-content\\\/uploads\\\/2018\\\/11\\\/Centre-Recursos-Fami\\u0301lies-Gava\\u0300-16.jpg&quot;,&quot;title&quot;:&quot;Tancaments i revestiment de fa\\u00e7ana d&#039;aquest equipament municipal de Gav\\u00e0&quot;},{&quot;src&quot;:&quot;https:\\\/\\\/www.garciafaura.com\\\/wp-content\\\/uploads\\\/2018\\\/11\\\/Centre-Recursos-Fami\\u0301lies-Gava\\u0300-15.jpg&quot;,&quot;title&quot;:&quot;Tancaments i revestiment de fa\\u00e7ana d&#039;aquest equipament municipal de Gav\\u00e0&quot;},{&quot;src&quot;:&quot;https:\\\/\\\/www.garciafaura.com\\\/wp-content\\\/uploads\\\/2018\\\/11\\\/Centre-Recursos-Fami\\u0301lies-Gava\\u0300-14.jpg&quot;,&quot;title&quot;:&quot;Tancaments i revestiment de fa\\u00e7ana d&#039;aquest equipament municipal de Gav\\u00e0&quot;},{&quot;src&quot;:&quot;https:\\\/\\\/www.garciafaura.com\\\/wp-content\\\/uploads\\\/2018\\\/11\\\/Centre-Recursos-Fami\\u0301lies-Gava\\u0300-13.jpg&quot;,&quot;title&quot;:&quot;Tancaments i revestiment de fa\\u00e7ana d&#039;aquest equipament municipal de Gav\\u00e0&quot;}]\"><img decoding=\"async\" data-no-lazy=\"1\" class=\"portfolio-entry-img skip-lazy\" src=\"https:\/\/www.garciafaura.com\/wp-content\/uploads\/2018\/11\/Centre-Recursos-Fami\u0301lies-Gava\u0300-10-x.jpg\" alt=\"Fermetures Et Rev\u00eatement De Fa\u00e7ade Pour Ce B\u00e2timent Municipal \u00e0 Gav\u00e0\" data-no-retina \/><\/a><\/div><div class=\"portfolio-entry-details entry-details wpex-clr\"><h2 class=\"portfolio-entry-title entry-title\"><a href=\"https:\/\/www.garciafaura.com\/fr\/portfolio-item\/centre-de-ressources-pour-les-familles\/\" title=\"Centre de Ressources pour les Familles\">Centre de Ressources pour les Familles<\/a><\/h2><div class=\"portfolio-entry-categories entry-categories wpex-clr\"><a href=\"https:\/\/www.garciafaura.com\/fr\/portfolio-category\/batiments-de-services\/\" class=\"term-75\">B\u00e2timents de Services<\/a><\/div><\/div><\/div><\/div><\/div><\/div>[\/vc_column][\/vc_row]\n<\/div>","protected":false},"excerpt":{"rendered":"<p>[vc_row full_width=\u00a0\u00bbstretch_row\u00a0\u00bb wpex_bg_overlay=\u00a0\u00bbcolor\u00a0\u00bb wpex_bg_overlay_color=\u00a0\u00bb#d9d9d9&Prime; wpex_bg_overlay_opacity=\u00a0\u00bb0.85&Prime;][vc_column][vc_column_text] La r\u00e9habilitation de b\u00e2timents est l&rsquo;une des cl\u00e9s de l&rsquo;avenir du secteur de la construction. GARCIA FAURA est une experte dans la r\u00e9habilitation de b\u00e2timents historiques, mais \u00e9galement dans la r\u00e9novation de b\u00e2timents peu durables,&hellip;<\/p>\n","protected":false},"author":3,"featured_media":0,"parent":0,"menu_order":0,"comment_status":"closed","ping_status":"closed","template":"","meta":{"footnotes":""},"class_list":["post-20034","page","type-page","status-publish","hentry","entry","no-media"],"yoast_head":"<!-- This site is optimized with the Yoast SEO plugin v26.7 - https:\/\/yoast.com\/wordpress\/plugins\/seo\/ -->\n<title>R\u00e9am\u00e9nagements r\u00e9alis\u00e9s par GARCIA FAURA - GARCIA FAURA<\/title>\n<meta name=\"description\" content=\"Arquitectura en Alumini, Inox, Ferro i Vidre\" \/>\n<meta name=\"robots\" content=\"index, follow, max-snippet:-1, max-image-preview:large, max-video-preview:-1\" \/>\n<link rel=\"canonical\" href=\"https:\/\/www.garciafaura.com\/fr\/reamenagements-realises-par-garcia-faura\/\" \/>\n<meta property=\"og:locale\" content=\"fr_FR\" \/>\n<meta property=\"og:type\" content=\"article\" \/>\n<meta property=\"og:title\" content=\"R\u00e9am\u00e9nagements r\u00e9alis\u00e9s par GARCIA FAURA - GARCIA FAURA\" \/>\n<meta property=\"og:description\" content=\"Arquitectura en Alumini, Inox, Ferro i Vidre\" \/>\n<meta property=\"og:url\" content=\"https:\/\/www.garciafaura.com\/fr\/reamenagements-realises-par-garcia-faura\/\" \/>\n<meta property=\"og:site_name\" content=\"GARCIA FAURA\" \/>\n<meta property=\"article:modified_time\" content=\"2021-08-02T10:26:29+00:00\" \/>\n<meta name=\"twitter:card\" content=\"summary_large_image\" \/>\n<meta name=\"twitter:label1\" content=\"Dur\u00e9e de lecture estim\u00e9e\" \/>\n\t<meta name=\"twitter:data1\" content=\"1 minute\" \/>\n<script type=\"application\/ld+json\" class=\"yoast-schema-graph\">{\"@context\":\"https:\/\/schema.org\",\"@graph\":[{\"@type\":\"WebPage\",\"@id\":\"https:\/\/www.garciafaura.com\/fr\/reamenagements-realises-par-garcia-faura\/\",\"url\":\"https:\/\/www.garciafaura.com\/fr\/reamenagements-realises-par-garcia-faura\/\",\"name\":\"R\u00e9am\u00e9nagements r\u00e9alis\u00e9s par GARCIA FAURA - GARCIA FAURA\",\"isPartOf\":{\"@id\":\"https:\/\/www.garciafaura.com\/fr\/#website\"},\"datePublished\":\"2019-05-24T11:08:28+00:00\",\"dateModified\":\"2021-08-02T10:26:29+00:00\",\"description\":\"Arquitectura en Alumini, Inox, Ferro i Vidre\",\"breadcrumb\":{\"@id\":\"https:\/\/www.garciafaura.com\/fr\/reamenagements-realises-par-garcia-faura\/#breadcrumb\"},\"inLanguage\":\"fr-FR\",\"potentialAction\":[{\"@type\":\"ReadAction\",\"target\":[\"https:\/\/www.garciafaura.com\/fr\/reamenagements-realises-par-garcia-faura\/\"]}]},{\"@type\":\"BreadcrumbList\",\"@id\":\"https:\/\/www.garciafaura.com\/fr\/reamenagements-realises-par-garcia-faura\/#breadcrumb\",\"itemListElement\":[{\"@type\":\"ListItem\",\"position\":1,\"name\":\"Inici\",\"item\":\"https:\/\/www.garciafaura.com\/fr\/\"},{\"@type\":\"ListItem\",\"position\":2,\"name\":\"R\u00e9am\u00e9nagements r\u00e9alis\u00e9s par GARCIA FAURA\"}]},{\"@type\":\"WebSite\",\"@id\":\"https:\/\/www.garciafaura.com\/fr\/#website\",\"url\":\"https:\/\/www.garciafaura.com\/fr\/\",\"name\":\"GARCIA FAURA\",\"description\":\"Arquitectura en Alumini, Inox, Ferro i Vidre\",\"publisher\":{\"@id\":\"https:\/\/www.garciafaura.com\/fr\/#organization\"},\"potentialAction\":[{\"@type\":\"SearchAction\",\"target\":{\"@type\":\"EntryPoint\",\"urlTemplate\":\"https:\/\/www.garciafaura.com\/fr\/?s={search_term_string}\"},\"query-input\":{\"@type\":\"PropertyValueSpecification\",\"valueRequired\":true,\"valueName\":\"search_term_string\"}}],\"inLanguage\":\"fr-FR\"},{\"@type\":\"Organization\",\"@id\":\"https:\/\/www.garciafaura.com\/fr\/#organization\",\"name\":\"GARCIA FAURA\",\"url\":\"https:\/\/www.garciafaura.com\/fr\/\",\"logo\":{\"@type\":\"ImageObject\",\"inLanguage\":\"fr-FR\",\"@id\":\"https:\/\/www.garciafaura.com\/fr\/#\/schema\/logo\/image\/\",\"url\":\"https:\/\/www.garciafaura.com\/wp-content\/uploads\/2018\/09\/Garcia-Faura.png\",\"contentUrl\":\"https:\/\/www.garciafaura.com\/wp-content\/uploads\/2018\/09\/Garcia-Faura.png\",\"width\":512,\"height\":512,\"caption\":\"GARCIA FAURA\"},\"image\":{\"@id\":\"https:\/\/www.garciafaura.com\/fr\/#\/schema\/logo\/image\/\"},\"sameAs\":[\"https:\/\/www.youtube.com\/user\/GARCIAFAURA\"]}]}<\/script>\n<!-- \/ Yoast SEO plugin. -->","yoast_head_json":{"title":"R\u00e9am\u00e9nagements r\u00e9alis\u00e9s par GARCIA FAURA - GARCIA FAURA","description":"Arquitectura en Alumini, Inox, Ferro i Vidre","robots":{"index":"index","follow":"follow","max-snippet":"max-snippet:-1","max-image-preview":"max-image-preview:large","max-video-preview":"max-video-preview:-1"},"canonical":"https:\/\/www.garciafaura.com\/fr\/reamenagements-realises-par-garcia-faura\/","og_locale":"fr_FR","og_type":"article","og_title":"R\u00e9am\u00e9nagements r\u00e9alis\u00e9s par GARCIA FAURA - GARCIA FAURA","og_description":"Arquitectura en Alumini, Inox, Ferro i Vidre","og_url":"https:\/\/www.garciafaura.com\/fr\/reamenagements-realises-par-garcia-faura\/","og_site_name":"GARCIA FAURA","article_modified_time":"2021-08-02T10:26:29+00:00","twitter_card":"summary_large_image","twitter_misc":{"Dur\u00e9e de lecture estim\u00e9e":"1 minute"},"schema":{"@context":"https:\/\/schema.org","@graph":[{"@type":"WebPage","@id":"https:\/\/www.garciafaura.com\/fr\/reamenagements-realises-par-garcia-faura\/","url":"https:\/\/www.garciafaura.com\/fr\/reamenagements-realises-par-garcia-faura\/","name":"R\u00e9am\u00e9nagements r\u00e9alis\u00e9s par GARCIA FAURA - GARCIA FAURA","isPartOf":{"@id":"https:\/\/www.garciafaura.com\/fr\/#website"},"datePublished":"2019-05-24T11:08:28+00:00","dateModified":"2021-08-02T10:26:29+00:00","description":"Arquitectura en Alumini, Inox, Ferro i Vidre","breadcrumb":{"@id":"https:\/\/www.garciafaura.com\/fr\/reamenagements-realises-par-garcia-faura\/#breadcrumb"},"inLanguage":"fr-FR","potentialAction":[{"@type":"ReadAction","target":["https:\/\/www.garciafaura.com\/fr\/reamenagements-realises-par-garcia-faura\/"]}]},{"@type":"BreadcrumbList","@id":"https:\/\/www.garciafaura.com\/fr\/reamenagements-realises-par-garcia-faura\/#breadcrumb","itemListElement":[{"@type":"ListItem","position":1,"name":"Inici","item":"https:\/\/www.garciafaura.com\/fr\/"},{"@type":"ListItem","position":2,"name":"R\u00e9am\u00e9nagements r\u00e9alis\u00e9s par GARCIA FAURA"}]},{"@type":"WebSite","@id":"https:\/\/www.garciafaura.com\/fr\/#website","url":"https:\/\/www.garciafaura.com\/fr\/","name":"GARCIA FAURA","description":"Arquitectura en Alumini, Inox, Ferro i Vidre","publisher":{"@id":"https:\/\/www.garciafaura.com\/fr\/#organization"},"potentialAction":[{"@type":"SearchAction","target":{"@type":"EntryPoint","urlTemplate":"https:\/\/www.garciafaura.com\/fr\/?s={search_term_string}"},"query-input":{"@type":"PropertyValueSpecification","valueRequired":true,"valueName":"search_term_string"}}],"inLanguage":"fr-FR"},{"@type":"Organization","@id":"https:\/\/www.garciafaura.com\/fr\/#organization","name":"GARCIA FAURA","url":"https:\/\/www.garciafaura.com\/fr\/","logo":{"@type":"ImageObject","inLanguage":"fr-FR","@id":"https:\/\/www.garciafaura.com\/fr\/#\/schema\/logo\/image\/","url":"https:\/\/www.garciafaura.com\/wp-content\/uploads\/2018\/09\/Garcia-Faura.png","contentUrl":"https:\/\/www.garciafaura.com\/wp-content\/uploads\/2018\/09\/Garcia-Faura.png","width":512,"height":512,"caption":"GARCIA FAURA"},"image":{"@id":"https:\/\/www.garciafaura.com\/fr\/#\/schema\/logo\/image\/"},"sameAs":["https:\/\/www.youtube.com\/user\/GARCIAFAURA"]}]}},"_links":{"self":[{"href":"https:\/\/www.garciafaura.com\/fr\/wp-json\/wp\/v2\/pages\/20034","targetHints":{"allow":["GET"]}}],"collection":[{"href":"https:\/\/www.garciafaura.com\/fr\/wp-json\/wp\/v2\/pages"}],"about":[{"href":"https:\/\/www.garciafaura.com\/fr\/wp-json\/wp\/v2\/types\/page"}],"author":[{"embeddable":true,"href":"https:\/\/www.garciafaura.com\/fr\/wp-json\/wp\/v2\/users\/3"}],"replies":[{"embeddable":true,"href":"https:\/\/www.garciafaura.com\/fr\/wp-json\/wp\/v2\/comments?post=20034"}],"version-history":[{"count":5,"href":"https:\/\/www.garciafaura.com\/fr\/wp-json\/wp\/v2\/pages\/20034\/revisions"}],"predecessor-version":[{"id":27886,"href":"https:\/\/www.garciafaura.com\/fr\/wp-json\/wp\/v2\/pages\/20034\/revisions\/27886"}],"wp:attachment":[{"href":"https:\/\/www.garciafaura.com\/fr\/wp-json\/wp\/v2\/media?parent=20034"}],"curies":[{"name":"wp","href":"https:\/\/api.w.org\/{rel}","templated":true}]}}