{"id":20014,"date":"2019-05-24T10:33:40","date_gmt":"2019-05-24T10:33:40","guid":{"rendered":"https:\/\/www.garciafaura.com\/projets-en-construction\/"},"modified":"2021-08-03T09:19:21","modified_gmt":"2021-08-03T07:19:21","slug":"projets-en-construction","status":"publish","type":"page","link":"https:\/\/www.garciafaura.com\/fr\/projets-en-construction\/","title":{"rendered":"Projets en construction"},"content":{"rendered":"<div class=\"wpb-content-wrapper\">[vc_row full_width=\u00a0\u00bbstretch_row\u00a0\u00bb wpex_bg_overlay=\u00a0\u00bbcolor\u00a0\u00bb wpex_bg_overlay_color=\u00a0\u00bb#d9d9d9&Prime; wpex_bg_overlay_opacity=\u00a0\u00bb0.85&Prime;][vc_column]<div class=\"vcex-spacing\" style=\"height:30px\"><\/div>[vc_column_text]<span style=\"font-family: 'Open Sans'; font-size: 18px;\"><strong>GARCIA FAURA<\/strong> travaille actuellement sur les projets de construction suivants.<\/span>[\/vc_column_text][\/vc_column][\/vc_row][vc_row][vc_column]<div class=\"vcex-module vcex-portfolio-grid-wrap wpex-clr\"><div class=\"wpex-row vcex-portfolio-grid wpex-clr entries vcex-isotope-grid vcex-no-margin-grid\" data-show_title=\"false\"><div class=\"portfolio-entry vcex-grid-item entry-has-details span_1_of_3 col col-1 vcex-isotope-entry vcex-no-margin-entry post-42059 entry type-portfolio has-media cat-99 translation_priority-5\"><div class=\"portfolio-entry-inner entry-inner wpex-clr\"><div class=\"portfolio-entry-media entry-media wpex-clr\"><a href=\"https:\/\/www.garciafaura.com\/wp-content\/uploads\/2026\/03\/Sede-MITECO.png\" title=\"Si\u00e8ge du MITECO\" class=\"portfolio-entry-media-link wpex-lightbox\"><img loading=\"lazy\" decoding=\"async\" data-no-lazy=\"1\" class=\"portfolio-entry-img skip-lazy\" src=\"https:\/\/www.garciafaura.com\/wp-content\/uploads\/2026\/03\/Sede-MITECO-600x314.png\" alt='' data-no-retina width=\"600\" height=\"314\" \/><\/a><\/div><div class=\"portfolio-entry-details entry-details wpex-clr\"><h2 class=\"portfolio-entry-title entry-title\"><a href=\"https:\/\/www.garciafaura.com\/fr\/portfolio-item\/seu-del-miteco\/\" title=\"Si\u00e8ge du MITECO\">Si\u00e8ge du MITECO<\/a><\/h2><div class=\"portfolio-entry-categories entry-categories wpex-clr\"><a href=\"https:\/\/www.garciafaura.com\/fr\/portfolio-category\/en-construction\/\" class=\"term-99\">En construction<\/a><\/div><\/div><\/div><\/div><div class=\"portfolio-entry vcex-grid-item entry-has-details span_1_of_3 col col-2 vcex-isotope-entry vcex-no-margin-entry post-41542 entry type-portfolio has-media cat-99 translation_priority-5\"><div class=\"portfolio-entry-inner entry-inner wpex-clr\"><div class=\"portfolio-entry-media entry-media wpex-clr\"><a href=\"https:\/\/www.garciafaura.com\/wp-content\/uploads\/2026\/01\/Garcia-Faura-Hospital-Joan-XXIII-Tarragona-3.jpg\" title=\"H\u00f4pital Joan XXIII\" class=\"portfolio-entry-media-link wpex-lightbox-gallery\" data-gallery=\"[{&quot;src&quot;:&quot;https:\\\/\\\/www.garciafaura.com\\\/wp-content\\\/uploads\\\/2026\\\/01\\\/Garcia-Faura-Hospital-Joan-XXIII-Tarragona-3.jpg&quot;},{&quot;src&quot;:&quot;https:\\\/\\\/www.garciafaura.com\\\/wp-content\\\/uploads\\\/2026\\\/01\\\/Garcia-Faura-Hospital-Joan-XXIII-Tarragona-1.jpg&quot;},{&quot;src&quot;:&quot;https:\\\/\\\/www.garciafaura.com\\\/wp-content\\\/uploads\\\/2026\\\/01\\\/Garcia-Faura-Hospital-Joan-XXIII-Tarragona-2.jpg&quot;}]\"><img loading=\"lazy\" decoding=\"async\" data-no-lazy=\"1\" class=\"portfolio-entry-img skip-lazy\" src=\"https:\/\/www.garciafaura.com\/wp-content\/uploads\/2026\/01\/Garcia-Faura-Hospital-Joan-XXIII-Tarragona-3-600x314.jpg\" alt='' data-no-retina width=\"600\" height=\"314\" \/><\/a><\/div><div class=\"portfolio-entry-details entry-details wpex-clr\"><h2 class=\"portfolio-entry-title entry-title\"><a href=\"https:\/\/www.garciafaura.com\/fr\/portfolio-item\/hospital-joan-xxiii\/\" title=\"H\u00f4pital Joan XXIII\">H\u00f4pital Joan XXIII<\/a><\/h2><div class=\"portfolio-entry-categories entry-categories wpex-clr\"><a href=\"https:\/\/www.garciafaura.com\/fr\/portfolio-category\/en-construction\/\" class=\"term-99\">En construction<\/a><\/div><\/div><\/div><\/div><div class=\"portfolio-entry vcex-grid-item entry-has-details span_1_of_3 col col-3 vcex-isotope-entry vcex-no-margin-entry post-41246 entry type-portfolio has-media cat-99 translation_priority-5\"><div class=\"portfolio-entry-inner entry-inner wpex-clr\"><div class=\"portfolio-entry-media entry-media wpex-clr\"><a href=\"https:\/\/www.garciafaura.com\/wp-content\/uploads\/2025\/11\/NeinorEsplugues-1a.jpg\" title=\"Promotion NO|BA Homes Esplugues\" class=\"portfolio-entry-media-link wpex-lightbox-gallery\" data-gallery=\"[{&quot;src&quot;:&quot;https:\\\/\\\/www.garciafaura.com\\\/wp-content\\\/uploads\\\/2025\\\/11\\\/NeinorEsplugues-1a.jpg&quot;},{&quot;src&quot;:&quot;https:\\\/\\\/www.garciafaura.com\\\/wp-content\\\/uploads\\\/2025\\\/11\\\/NeinorEsplugues-2a.jpg&quot;},{&quot;src&quot;:&quot;https:\\\/\\\/www.garciafaura.com\\\/wp-content\\\/uploads\\\/2025\\\/11\\\/NeinorEsplugues-3a.jpg&quot;},{&quot;src&quot;:&quot;https:\\\/\\\/www.garciafaura.com\\\/wp-content\\\/uploads\\\/2025\\\/11\\\/NeinorEsplugues-4a.jpg&quot;},{&quot;src&quot;:&quot;https:\\\/\\\/www.garciafaura.com\\\/wp-content\\\/uploads\\\/2025\\\/11\\\/NeinorEsplugues-5a.jpg&quot;},{&quot;src&quot;:&quot;https:\\\/\\\/www.garciafaura.com\\\/wp-content\\\/uploads\\\/2025\\\/11\\\/NeinorEsplugues-6a.jpg&quot;}]\"><img loading=\"lazy\" decoding=\"async\" data-no-lazy=\"1\" class=\"portfolio-entry-img skip-lazy\" src=\"https:\/\/www.garciafaura.com\/wp-content\/uploads\/2025\/11\/NeinorEsplugues-1a-600x314.jpg\" alt='' data-no-retina width=\"600\" height=\"314\" \/><\/a><\/div><div class=\"portfolio-entry-details entry-details wpex-clr\"><h2 class=\"portfolio-entry-title entry-title\"><a href=\"https:\/\/www.garciafaura.com\/fr\/portfolio-item\/promocio-noba-homes-esplugues\/\" title=\"Promotion NO|BA Homes Esplugues\">Promotion NO|BA Homes Esplugues<\/a><\/h2><div class=\"portfolio-entry-categories entry-categories wpex-clr\"><a href=\"https:\/\/www.garciafaura.com\/fr\/portfolio-category\/en-construction\/\" class=\"term-99\">En construction<\/a><\/div><\/div><\/div><\/div><div class=\"portfolio-entry vcex-grid-item entry-has-details span_1_of_3 col col-1 vcex-isotope-entry vcex-no-margin-entry post-41227 entry type-portfolio has-media cat-99 translation_priority-5\"><div class=\"portfolio-entry-inner entry-inner wpex-clr\"><div class=\"portfolio-entry-media entry-media wpex-clr\"><a href=\"https:\/\/www.garciafaura.com\/wp-content\/uploads\/2025\/11\/ResidencialMontesaEsplugues-1a.jpg\" title=\"R\u00e9sidentiel Montesa\" class=\"portfolio-entry-media-link wpex-lightbox-gallery\" data-gallery=\"[{&quot;src&quot;:&quot;https:\\\/\\\/www.garciafaura.com\\\/wp-content\\\/uploads\\\/2025\\\/11\\\/ResidencialMontesaEsplugues-1a.jpg&quot;},{&quot;src&quot;:&quot;https:\\\/\\\/www.garciafaura.com\\\/wp-content\\\/uploads\\\/2025\\\/11\\\/ResidencialMontesaEsplugues-2a.jpg&quot;}]\"><img loading=\"lazy\" decoding=\"async\" data-no-lazy=\"1\" class=\"portfolio-entry-img skip-lazy\" src=\"https:\/\/www.garciafaura.com\/wp-content\/uploads\/2025\/11\/ResidencialMontesaEsplugues-1a-600x314.jpg\" alt='' data-no-retina width=\"600\" height=\"314\" \/><\/a><\/div><div class=\"portfolio-entry-details entry-details wpex-clr\"><h2 class=\"portfolio-entry-title entry-title\"><a href=\"https:\/\/www.garciafaura.com\/fr\/portfolio-item\/residencial-montesa-hpo\/\" title=\"R\u00e9sidentiel Montesa\">R\u00e9sidentiel Montesa<\/a><\/h2><div class=\"portfolio-entry-categories entry-categories wpex-clr\"><a href=\"https:\/\/www.garciafaura.com\/fr\/portfolio-category\/en-construction\/\" class=\"term-99\">En construction<\/a><\/div><\/div><\/div><\/div><div class=\"portfolio-entry vcex-grid-item entry-has-details span_1_of_3 col col-2 vcex-isotope-entry vcex-no-margin-entry post-40257 entry type-portfolio has-media cat-99 translation_priority-5\"><div class=\"portfolio-entry-inner entry-inner wpex-clr\"><div class=\"portfolio-entry-media entry-media wpex-clr\"><a href=\"https:\/\/www.garciafaura.com\/wp-content\/uploads\/2025\/07\/Unicas-01-baixa.jpg\" title=\"B\u00e2timent \u00danicas SJD\" class=\"portfolio-entry-media-link wpex-lightbox-gallery\" data-gallery=\"[{&quot;src&quot;:&quot;https:\\\/\\\/www.garciafaura.com\\\/wp-content\\\/uploads\\\/2025\\\/07\\\/Unicas-01-baixa.jpg&quot;},{&quot;src&quot;:&quot;https:\\\/\\\/www.garciafaura.com\\\/wp-content\\\/uploads\\\/2025\\\/07\\\/Unicas-02-baixa.jpg&quot;}]\"><img loading=\"lazy\" decoding=\"async\" data-no-lazy=\"1\" class=\"portfolio-entry-img skip-lazy\" src=\"https:\/\/www.garciafaura.com\/wp-content\/uploads\/2025\/07\/Unicas-01-baixa-600x314.jpg\" alt='' data-no-retina width=\"600\" height=\"314\" \/><\/a><\/div><div class=\"portfolio-entry-details entry-details wpex-clr\"><h2 class=\"portfolio-entry-title entry-title\"><a href=\"https:\/\/www.garciafaura.com\/fr\/portfolio-item\/edifici-unicas-sjd\/\" title=\"B\u00e2timent \u00danicas SJD\">B\u00e2timent \u00danicas SJD<\/a><\/h2><div class=\"portfolio-entry-categories entry-categories wpex-clr\"><a href=\"https:\/\/www.garciafaura.com\/fr\/portfolio-category\/en-construction\/\" class=\"term-99\">En construction<\/a><\/div><\/div><\/div><\/div><div class=\"portfolio-entry vcex-grid-item entry-has-details span_1_of_3 col col-3 vcex-isotope-entry vcex-no-margin-entry post-39987 entry type-portfolio has-media cat-99 translation_priority-5\"><div class=\"portfolio-entry-inner entry-inner wpex-clr\"><div class=\"portfolio-entry-media entry-media wpex-clr\"><a href=\"https:\/\/www.garciafaura.com\/wp-content\/uploads\/2025\/07\/Milos-01.jpg\" title=\"Promotion Milos Vilanova\" class=\"portfolio-entry-media-link wpex-lightbox-gallery\" data-gallery=\"[{&quot;src&quot;:&quot;https:\\\/\\\/www.garciafaura.com\\\/wp-content\\\/uploads\\\/2025\\\/07\\\/Milos-01.jpg&quot;},{&quot;src&quot;:&quot;https:\\\/\\\/www.garciafaura.com\\\/wp-content\\\/uploads\\\/2025\\\/07\\\/Milos-02.jpg&quot;},{&quot;src&quot;:&quot;https:\\\/\\\/www.garciafaura.com\\\/wp-content\\\/uploads\\\/2025\\\/07\\\/Milos-03.jpg&quot;}]\"><img loading=\"lazy\" decoding=\"async\" data-no-lazy=\"1\" class=\"portfolio-entry-img skip-lazy\" src=\"https:\/\/www.garciafaura.com\/wp-content\/uploads\/2025\/07\/Milos-01-600x314.jpg\" alt='' data-no-retina width=\"600\" height=\"314\" \/><\/a><\/div><div class=\"portfolio-entry-details entry-details wpex-clr\"><h2 class=\"portfolio-entry-title entry-title\"><a href=\"https:\/\/www.garciafaura.com\/fr\/portfolio-item\/promocio-milos-vilanova\/\" title=\"Promotion Milos Vilanova\">Promotion Milos Vilanova<\/a><\/h2><div class=\"portfolio-entry-categories entry-categories wpex-clr\"><a href=\"https:\/\/www.garciafaura.com\/fr\/portfolio-category\/en-construction\/\" class=\"term-99\">En construction<\/a><\/div><\/div><\/div><\/div><div class=\"portfolio-entry vcex-grid-item entry-has-details span_1_of_3 col col-1 vcex-isotope-entry vcex-no-margin-entry post-39938 entry type-portfolio has-media cat-99 translation_priority-5\"><div class=\"portfolio-entry-inner entry-inner wpex-clr\"><div class=\"portfolio-entry-media entry-media wpex-clr\"><a href=\"https:\/\/www.garciafaura.com\/wp-content\/uploads\/2025\/05\/Finestrelles-02.jpg\" title=\"Logements sociaux Finestrelles\" class=\"portfolio-entry-media-link wpex-lightbox-gallery\" data-gallery=\"[{&quot;src&quot;:&quot;https:\\\/\\\/www.garciafaura.com\\\/wp-content\\\/uploads\\\/2025\\\/05\\\/Finestrelles-02.jpg&quot;},{&quot;src&quot;:&quot;https:\\\/\\\/www.garciafaura.com\\\/wp-content\\\/uploads\\\/2025\\\/05\\\/Finestrelles-01.jpg&quot;}]\"><img loading=\"lazy\" decoding=\"async\" data-no-lazy=\"1\" class=\"portfolio-entry-img skip-lazy\" src=\"https:\/\/www.garciafaura.com\/wp-content\/uploads\/2025\/05\/Finestrelles-02-600x314.jpg\" alt='' data-no-retina width=\"600\" height=\"314\" \/><\/a><\/div><div class=\"portfolio-entry-details entry-details wpex-clr\"><h2 class=\"portfolio-entry-title entry-title\"><a href=\"https:\/\/www.garciafaura.com\/fr\/portfolio-item\/promocio-hpo-finestrelles\/\" title=\"Logements sociaux Finestrelles\">Logements sociaux Finestrelles<\/a><\/h2><div class=\"portfolio-entry-categories entry-categories wpex-clr\"><a href=\"https:\/\/www.garciafaura.com\/fr\/portfolio-category\/en-construction\/\" class=\"term-99\">En construction<\/a><\/div><\/div><\/div><\/div><div class=\"portfolio-entry vcex-grid-item entry-has-details span_1_of_3 col col-2 vcex-isotope-entry vcex-no-margin-entry post-39919 entry type-portfolio has-media cat-99 translation_priority-5\"><div class=\"portfolio-entry-inner entry-inner wpex-clr\"><div class=\"portfolio-entry-media entry-media wpex-clr\"><a href=\"https:\/\/www.garciafaura.com\/wp-content\/uploads\/2025\/05\/LlevantViladecans-optimitzada.jpg\" title=\"Logements sociaux Llevant Viladecans\" class=\"portfolio-entry-media-link wpex-lightbox\"><img loading=\"lazy\" decoding=\"async\" data-no-lazy=\"1\" class=\"portfolio-entry-img skip-lazy\" src=\"https:\/\/www.garciafaura.com\/wp-content\/uploads\/2025\/05\/LlevantViladecans-optimitzada-600x314.jpg\" alt='' data-no-retina width=\"600\" height=\"314\" \/><\/a><\/div><div class=\"portfolio-entry-details entry-details wpex-clr\"><h2 class=\"portfolio-entry-title entry-title\"><a href=\"https:\/\/www.garciafaura.com\/fr\/portfolio-item\/promocio-hpo-llevant-viladecans\/\" title=\"Logements sociaux Llevant Viladecans\">Logements sociaux Llevant Viladecans<\/a><\/h2><div class=\"portfolio-entry-categories entry-categories wpex-clr\"><a href=\"https:\/\/www.garciafaura.com\/fr\/portfolio-category\/en-construction\/\" class=\"term-99\">En construction<\/a><\/div><\/div><\/div><\/div><div class=\"portfolio-entry vcex-grid-item entry-has-details span_1_of_3 col col-3 vcex-isotope-entry vcex-no-margin-entry post-39907 entry type-portfolio has-media cat-99 translation_priority-5\"><div class=\"portfolio-entry-inner entry-inner wpex-clr\"><div class=\"portfolio-entry-media entry-media wpex-clr\"><a href=\"https:\/\/www.garciafaura.com\/wp-content\/uploads\/2025\/05\/Cerro-Gamos-2-optimitzada.jpg\" title=\"Cerro de los Gamos, b\u00e2timent 2\" class=\"portfolio-entry-media-link wpex-lightbox\"><img loading=\"lazy\" decoding=\"async\" data-no-lazy=\"1\" class=\"portfolio-entry-img skip-lazy\" src=\"https:\/\/www.garciafaura.com\/wp-content\/uploads\/2025\/05\/Cerro-Gamos-2-optimitzada-600x314.jpg\" alt='' data-no-retina width=\"600\" height=\"314\" \/><\/a><\/div><div class=\"portfolio-entry-details entry-details wpex-clr\"><h2 class=\"portfolio-entry-title entry-title\"><a href=\"https:\/\/www.garciafaura.com\/fr\/portfolio-item\/cerro-de-los-gamos-edifici-2\/\" title=\"Cerro de los Gamos, b\u00e2timent 2\">Cerro de los Gamos, b\u00e2timent 2<\/a><\/h2><div class=\"portfolio-entry-categories entry-categories wpex-clr\"><a href=\"https:\/\/www.garciafaura.com\/fr\/portfolio-category\/en-construction\/\" class=\"term-99\">En construction<\/a><\/div><\/div><\/div><\/div><div class=\"portfolio-entry vcex-grid-item entry-has-details span_1_of_3 col col-1 vcex-isotope-entry vcex-no-margin-entry post-39892 entry type-portfolio has-media cat-99 translation_priority-5\"><div class=\"portfolio-entry-inner entry-inner wpex-clr\"><div class=\"portfolio-entry-media entry-media wpex-clr\"><a href=\"https:\/\/www.garciafaura.com\/wp-content\/uploads\/2025\/05\/EdificiMutua-optimitzada.jpg\" title=\"Rehabilitation ancien M\u00fatua Metal\u00b7l\u00fargica\" class=\"portfolio-entry-media-link wpex-lightbox\"><img loading=\"lazy\" decoding=\"async\" data-no-lazy=\"1\" class=\"portfolio-entry-img skip-lazy\" src=\"https:\/\/www.garciafaura.com\/wp-content\/uploads\/2025\/05\/EdificiMutua-optimitzada-600x314.jpg\" alt='' data-no-retina width=\"600\" height=\"314\" \/><\/a><\/div><div class=\"portfolio-entry-details entry-details wpex-clr\"><h2 class=\"portfolio-entry-title entry-title\"><a href=\"https:\/\/www.garciafaura.com\/fr\/portfolio-item\/rehabilitacio-antiga-mutua-metallurgica\/\" title=\"Rehabilitation ancien M\u00fatua Metal\u00b7l\u00fargica\">Rehabilitation ancien M\u00fatua Metal\u00b7l\u00fargica<\/a><\/h2><div class=\"portfolio-entry-categories entry-categories wpex-clr\"><a href=\"https:\/\/www.garciafaura.com\/fr\/portfolio-category\/en-construction\/\" class=\"term-99\">En construction<\/a><\/div><\/div><\/div><\/div><div class=\"portfolio-entry vcex-grid-item entry-has-details span_1_of_3 col col-2 vcex-isotope-entry vcex-no-margin-entry post-39878 entry type-portfolio has-media cat-99 translation_priority-5\"><div class=\"portfolio-entry-inner entry-inner wpex-clr\"><div class=\"portfolio-entry-media entry-media wpex-clr\"><a href=\"https:\/\/www.garciafaura.com\/wp-content\/uploads\/2025\/05\/Fac-Can-Tries_BR-optimitzada.jpg\" title=\"Promotion Place Europa, 74\" class=\"portfolio-entry-media-link wpex-lightbox\"><img loading=\"lazy\" decoding=\"async\" data-no-lazy=\"1\" class=\"portfolio-entry-img skip-lazy\" src=\"https:\/\/www.garciafaura.com\/wp-content\/uploads\/2025\/05\/Fac-Can-Tries_BR-optimitzada-600x314.jpg\" alt='' data-no-retina width=\"600\" height=\"314\" \/><\/a><\/div><div class=\"portfolio-entry-details entry-details wpex-clr\"><h2 class=\"portfolio-entry-title entry-title\"><a href=\"https:\/\/www.garciafaura.com\/fr\/portfolio-item\/promocio-placa-europa-74\/\" title=\"Promotion Place Europa, 74\">Promotion Place Europa, 74<\/a><\/h2><div class=\"portfolio-entry-categories entry-categories wpex-clr\"><a href=\"https:\/\/www.garciafaura.com\/fr\/portfolio-category\/en-construction\/\" class=\"term-99\">En construction<\/a><\/div><\/div><\/div><\/div><div class=\"portfolio-entry vcex-grid-item entry-has-details span_1_of_3 col col-3 vcex-isotope-entry vcex-no-margin-entry post-39866 entry type-portfolio has-media cat-99 translation_priority-5\"><div class=\"portfolio-entry-inner entry-inner wpex-clr\"><div class=\"portfolio-entry-media entry-media wpex-clr\"><a href=\"https:\/\/www.garciafaura.com\/wp-content\/uploads\/2025\/05\/CanPi-optimitzada.jpg\" title=\"R\u00e9novation des bureaux de Can Pi\" class=\"portfolio-entry-media-link wpex-lightbox\"><img loading=\"lazy\" decoding=\"async\" data-no-lazy=\"1\" class=\"portfolio-entry-img skip-lazy\" src=\"https:\/\/www.garciafaura.com\/wp-content\/uploads\/2025\/05\/CanPi-optimitzada-600x314.jpg\" alt='' data-no-retina width=\"600\" height=\"314\" \/><\/a><\/div><div class=\"portfolio-entry-details entry-details wpex-clr\"><h2 class=\"portfolio-entry-title entry-title\"><a href=\"https:\/\/www.garciafaura.com\/fr\/portfolio-item\/rehabilitacio-oficines-can-pi\/\" title=\"R\u00e9novation des bureaux de Can Pi\">R\u00e9novation des bureaux de Can Pi<\/a><\/h2><div class=\"portfolio-entry-categories entry-categories wpex-clr\"><a href=\"https:\/\/www.garciafaura.com\/fr\/portfolio-category\/en-construction\/\" class=\"term-99\">En construction<\/a><\/div><\/div><\/div><\/div><div class=\"portfolio-entry vcex-grid-item entry-has-details span_1_of_3 col col-1 vcex-isotope-entry vcex-no-margin-entry post-39492 entry type-portfolio has-media cat-99 translation_priority-5\"><div class=\"portfolio-entry-inner entry-inner wpex-clr\"><div class=\"portfolio-entry-media entry-media wpex-clr\"><a href=\"https:\/\/www.garciafaura.com\/wp-content\/uploads\/2025\/04\/NOVA-TERMINAL-ROYAL-CARIBBEAN-PORT-DE-BARCELONA-01.jpg\" title=\"Terminal Royal Caribbean Port Barcelone\" class=\"portfolio-entry-media-link wpex-lightbox-gallery\" data-gallery=\"[{&quot;src&quot;:&quot;https:\\\/\\\/www.garciafaura.com\\\/wp-content\\\/uploads\\\/2025\\\/04\\\/NOVA-TERMINAL-ROYAL-CARIBBEAN-PORT-DE-BARCELONA-01.jpg&quot;},{&quot;src&quot;:&quot;https:\\\/\\\/www.garciafaura.com\\\/wp-content\\\/uploads\\\/2025\\\/04\\\/NOVA-TERMINAL-ROYAL-CARIBBEAN-PORT-DE-BARCELONA-02.jpg&quot;},{&quot;src&quot;:&quot;https:\\\/\\\/www.garciafaura.com\\\/wp-content\\\/uploads\\\/2025\\\/04\\\/NOVA-TERMINAL-ROYAL-CARIBBEAN-PORT-DE-BARCELONA-03.jpg&quot;},{&quot;src&quot;:&quot;https:\\\/\\\/www.garciafaura.com\\\/wp-content\\\/uploads\\\/2025\\\/04\\\/NOVA-TERMINAL-ROYAL-CARIBBEAN-PORT-DE-BARCELONA-04.jpg&quot;},{&quot;src&quot;:&quot;https:\\\/\\\/www.garciafaura.com\\\/wp-content\\\/uploads\\\/2025\\\/04\\\/NOVA-TERMINAL-ROYAL-CARIBBEAN-PORT-DE-BARCELONA-05.jpg&quot;}]\"><img loading=\"lazy\" decoding=\"async\" data-no-lazy=\"1\" class=\"portfolio-entry-img skip-lazy\" src=\"https:\/\/www.garciafaura.com\/wp-content\/uploads\/2025\/04\/NOVA-TERMINAL-ROYAL-CARIBBEAN-PORT-DE-BARCELONA-01-600x314.jpg\" alt='' data-no-retina width=\"600\" height=\"314\" \/><\/a><\/div><div class=\"portfolio-entry-details entry-details wpex-clr\"><h2 class=\"portfolio-entry-title entry-title\"><a href=\"https:\/\/www.garciafaura.com\/fr\/portfolio-item\/nova-terminal-royal-caribbean-port-de-barcelona\/\" title=\"Terminal Royal Caribbean Port Barcelone\">Terminal Royal Caribbean Port Barcelone<\/a><\/h2><div class=\"portfolio-entry-categories entry-categories wpex-clr\"><a href=\"https:\/\/www.garciafaura.com\/fr\/portfolio-category\/en-construction\/\" class=\"term-99\">En construction<\/a><\/div><\/div><\/div><\/div><div class=\"portfolio-entry vcex-grid-item entry-has-details span_1_of_3 col col-2 vcex-isotope-entry vcex-no-margin-entry post-38988 entry type-portfolio has-media cat-99 translation_priority-5\"><div class=\"portfolio-entry-inner entry-inner wpex-clr\"><div class=\"portfolio-entry-media entry-media wpex-clr\"><a href=\"https:\/\/www.garciafaura.com\/wp-content\/uploads\/2025\/04\/OCW-Llacuna-1-baixa.jpg\" title=\"Bureaux coworking Llacuna\" class=\"portfolio-entry-media-link wpex-lightbox-gallery\" data-gallery=\"[{&quot;src&quot;:&quot;https:\\\/\\\/www.garciafaura.com\\\/wp-content\\\/uploads\\\/2025\\\/04\\\/OCW-Llacuna-1-baixa.jpg&quot;},{&quot;src&quot;:&quot;https:\\\/\\\/www.garciafaura.com\\\/wp-content\\\/uploads\\\/2025\\\/04\\\/OCW-Llacuna-3-baixa.jpg&quot;},{&quot;src&quot;:&quot;https:\\\/\\\/www.garciafaura.com\\\/wp-content\\\/uploads\\\/2025\\\/04\\\/OCW-Llacuna-2-baixa.jpg&quot;}]\"><img loading=\"lazy\" decoding=\"async\" data-no-lazy=\"1\" class=\"portfolio-entry-img skip-lazy\" src=\"https:\/\/www.garciafaura.com\/wp-content\/uploads\/2025\/04\/OCW-Llacuna-1-baixa-600x314.jpg\" alt='' data-no-retina width=\"600\" height=\"314\" \/><\/a><\/div><div class=\"portfolio-entry-details entry-details wpex-clr\"><h2 class=\"portfolio-entry-title entry-title\"><a href=\"https:\/\/www.garciafaura.com\/fr\/portfolio-item\/oficines-coworking-llacuna\/\" title=\"Bureaux coworking Llacuna\">Bureaux coworking Llacuna<\/a><\/h2><div class=\"portfolio-entry-categories entry-categories wpex-clr\"><a href=\"https:\/\/www.garciafaura.com\/fr\/portfolio-category\/en-construction\/\" class=\"term-99\">En construction<\/a><\/div><\/div><\/div><\/div><div class=\"portfolio-entry vcex-grid-item entry-has-details span_1_of_3 col col-3 vcex-isotope-entry vcex-no-margin-entry post-38639 entry type-portfolio has-media cat-99 translation_priority-5\"><div class=\"portfolio-entry-inner entry-inner wpex-clr\"><div class=\"portfolio-entry-media entry-media wpex-clr\"><a href=\"https:\/\/www.garciafaura.com\/wp-content\/uploads\/2025\/02\/LesMasiesIII-01-baixa.jpg\" title=\"Residenciel Les Masies III\" class=\"portfolio-entry-media-link wpex-lightbox-gallery\" data-gallery=\"[{&quot;src&quot;:&quot;https:\\\/\\\/www.garciafaura.com\\\/wp-content\\\/uploads\\\/2025\\\/02\\\/LesMasiesIII-01-baixa.jpg&quot;},{&quot;src&quot;:&quot;https:\\\/\\\/www.garciafaura.com\\\/wp-content\\\/uploads\\\/2025\\\/02\\\/LesMasiesIII-03-baixa.jpg&quot;},{&quot;src&quot;:&quot;https:\\\/\\\/www.garciafaura.com\\\/wp-content\\\/uploads\\\/2025\\\/02\\\/LesMasiesIII-02-baixa.jpg&quot;}]\"><img loading=\"lazy\" decoding=\"async\" data-no-lazy=\"1\" class=\"portfolio-entry-img skip-lazy\" src=\"https:\/\/www.garciafaura.com\/wp-content\/uploads\/2025\/02\/LesMasiesIII-01-baixa-600x314.jpg\" alt='' data-no-retina width=\"600\" height=\"314\" \/><\/a><\/div><div class=\"portfolio-entry-details entry-details wpex-clr\"><h2 class=\"portfolio-entry-title entry-title\"><a href=\"https:\/\/www.garciafaura.com\/fr\/portfolio-item\/residencial-les-masies-iii\/\" title=\"Residenciel Les Masies III\">Residenciel Les Masies III<\/a><\/h2><div class=\"portfolio-entry-categories entry-categories wpex-clr\"><a href=\"https:\/\/www.garciafaura.com\/fr\/portfolio-category\/en-construction\/\" class=\"term-99\">En construction<\/a><\/div><\/div><\/div><\/div><div class=\"portfolio-entry vcex-grid-item entry-has-details span_1_of_3 col col-1 vcex-isotope-entry vcex-no-margin-entry post-38601 entry type-portfolio has-media cat-99 translation_priority-5\"><div class=\"portfolio-entry-inner entry-inner wpex-clr\"><div class=\"portfolio-entry-media entry-media wpex-clr\"><a href=\"https:\/\/www.garciafaura.com\/wp-content\/uploads\/2025\/02\/HABITATGES-SANT-ANDREU-LEBLICH-06.jpg\" title=\"Logements Sant Andreu Leblich\" class=\"portfolio-entry-media-link wpex-lightbox-gallery\" data-gallery=\"[{&quot;src&quot;:&quot;https:\\\/\\\/www.garciafaura.com\\\/wp-content\\\/uploads\\\/2025\\\/02\\\/HABITATGES-SANT-ANDREU-LEBLICH-06.jpg&quot;},{&quot;src&quot;:&quot;https:\\\/\\\/www.garciafaura.com\\\/wp-content\\\/uploads\\\/2025\\\/02\\\/HABITATGES-SANT-ANDREU-LEBLICH-05.jpg&quot;},{&quot;src&quot;:&quot;https:\\\/\\\/www.garciafaura.com\\\/wp-content\\\/uploads\\\/2025\\\/02\\\/HABITATGES-SANT-ANDREU-LEBLICH-04.jpg&quot;},{&quot;src&quot;:&quot;https:\\\/\\\/www.garciafaura.com\\\/wp-content\\\/uploads\\\/2025\\\/02\\\/HABITATGES-SANT-ANDREU-LEBLICH-03.jpg&quot;},{&quot;src&quot;:&quot;https:\\\/\\\/www.garciafaura.com\\\/wp-content\\\/uploads\\\/2025\\\/02\\\/HABITATGES-SANT-ANDREU-LEBLICH-02.jpg&quot;},{&quot;src&quot;:&quot;https:\\\/\\\/www.garciafaura.com\\\/wp-content\\\/uploads\\\/2025\\\/02\\\/HABITATGES-SANT-ANDREU-LEBLICH-01.jpg&quot;}]\"><img loading=\"lazy\" decoding=\"async\" data-no-lazy=\"1\" class=\"portfolio-entry-img skip-lazy\" src=\"https:\/\/www.garciafaura.com\/wp-content\/uploads\/2025\/02\/HABITATGES-SANT-ANDREU-LEBLICH-06-600x314.jpg\" alt='' data-no-retina width=\"600\" height=\"314\" \/><\/a><\/div><div class=\"portfolio-entry-details entry-details wpex-clr\"><h2 class=\"portfolio-entry-title entry-title\"><a href=\"https:\/\/www.garciafaura.com\/fr\/portfolio-item\/habitatges-sant-andreu-leblich\/\" title=\"Logements Sant Andreu Leblich\">Logements Sant Andreu Leblich<\/a><\/h2><div class=\"portfolio-entry-categories entry-categories wpex-clr\"><a href=\"https:\/\/www.garciafaura.com\/fr\/portfolio-category\/en-construction\/\" class=\"term-99\">En construction<\/a><\/div><\/div><\/div><\/div><div class=\"portfolio-entry vcex-grid-item entry-has-details span_1_of_3 col col-2 vcex-isotope-entry vcex-no-margin-entry post-38567 entry type-portfolio has-media cat-99 translation_priority-5\"><div class=\"portfolio-entry-inner entry-inner wpex-clr\"><div class=\"portfolio-entry-media entry-media wpex-clr\"><a href=\"https:\/\/www.garciafaura.com\/wp-content\/uploads\/2025\/01\/ElPrat-web.jpg\" title=\"D\u00e9veloppement de logements sociaux \u00e0 El Prat\" class=\"portfolio-entry-media-link wpex-lightbox\"><img loading=\"lazy\" decoding=\"async\" data-no-lazy=\"1\" class=\"portfolio-entry-img skip-lazy\" src=\"https:\/\/www.garciafaura.com\/wp-content\/uploads\/2025\/01\/ElPrat-web-600x314.jpg\" alt='' data-no-retina width=\"600\" height=\"314\" \/><\/a><\/div><div class=\"portfolio-entry-details entry-details wpex-clr\"><h2 class=\"portfolio-entry-title entry-title\"><a href=\"https:\/\/www.garciafaura.com\/fr\/portfolio-item\/promocio-dhabitatge-public-el-prat\/\" title=\"D\u00e9veloppement de logements sociaux \u00e0 El Prat\">D\u00e9veloppement de logements sociaux \u00e0 El Prat<\/a><\/h2><div class=\"portfolio-entry-categories entry-categories wpex-clr\"><a href=\"https:\/\/www.garciafaura.com\/fr\/portfolio-category\/en-construction\/\" class=\"term-99\">En construction<\/a><\/div><\/div><\/div><\/div><div class=\"portfolio-entry vcex-grid-item entry-has-details span_1_of_3 col col-3 vcex-isotope-entry vcex-no-margin-entry post-38501 entry type-portfolio has-media cat-99 translation_priority-5\"><div class=\"portfolio-entry-inner entry-inner wpex-clr\"><div class=\"portfolio-entry-media entry-media wpex-clr\"><a href=\"https:\/\/www.garciafaura.com\/wp-content\/uploads\/2024\/11\/MasIglesiasReus-01-baixa.jpg\" title=\"Promotion Mas Iglesias\" class=\"portfolio-entry-media-link wpex-lightbox-gallery\" data-gallery=\"[{&quot;src&quot;:&quot;https:\\\/\\\/www.garciafaura.com\\\/wp-content\\\/uploads\\\/2024\\\/11\\\/MasIglesiasReus-01-baixa.jpg&quot;},{&quot;src&quot;:&quot;https:\\\/\\\/www.garciafaura.com\\\/wp-content\\\/uploads\\\/2024\\\/11\\\/MasIglesiasReus-02-baixa.jpg&quot;}]\"><img loading=\"lazy\" decoding=\"async\" data-no-lazy=\"1\" class=\"portfolio-entry-img skip-lazy\" src=\"https:\/\/www.garciafaura.com\/wp-content\/uploads\/2024\/11\/MasIglesiasReus-01-baixa-600x314.jpg\" alt='' data-no-retina width=\"600\" height=\"314\" \/><\/a><\/div><div class=\"portfolio-entry-details entry-details wpex-clr\"><h2 class=\"portfolio-entry-title entry-title\"><a href=\"https:\/\/www.garciafaura.com\/fr\/portfolio-item\/promocio-mas-iglesias\/\" title=\"Promotion Mas Iglesias\">Promotion Mas Iglesias<\/a><\/h2><div class=\"portfolio-entry-categories entry-categories wpex-clr\"><a href=\"https:\/\/www.garciafaura.com\/fr\/portfolio-category\/en-construction\/\" class=\"term-99\">En construction<\/a><\/div><\/div><\/div><\/div><div class=\"portfolio-entry vcex-grid-item entry-has-details span_1_of_3 col col-1 vcex-isotope-entry vcex-no-margin-entry post-38484 entry type-portfolio has-media cat-99 translation_priority-5\"><div class=\"portfolio-entry-inner entry-inner wpex-clr\"><div class=\"portfolio-entry-media entry-media wpex-clr\"><a href=\"https:\/\/www.garciafaura.com\/wp-content\/uploads\/2024\/11\/Universidad-Alcala.jpg\" title=\"Nouveau campus Universit\u00e9 d&rsquo;Alcal\u00e1\" class=\"portfolio-entry-media-link wpex-lightbox\"><img loading=\"lazy\" decoding=\"async\" data-no-lazy=\"1\" class=\"portfolio-entry-img skip-lazy\" src=\"https:\/\/www.garciafaura.com\/wp-content\/uploads\/2024\/11\/Universidad-Alcala-600x314.jpg\" alt='' data-no-retina width=\"600\" height=\"314\" \/><\/a><\/div><div class=\"portfolio-entry-details entry-details wpex-clr\"><h2 class=\"portfolio-entry-title entry-title\"><a href=\"https:\/\/www.garciafaura.com\/fr\/portfolio-item\/nou-campus-universidad-de-alcala\/\" title=\"Nouveau campus Universit\u00e9 d&rsquo;Alcal\u00e1\">Nouveau campus Universit\u00e9 d&rsquo;Alcal\u00e1<\/a><\/h2><div class=\"portfolio-entry-categories entry-categories wpex-clr\"><a href=\"https:\/\/www.garciafaura.com\/fr\/portfolio-category\/en-construction\/\" class=\"term-99\">En construction<\/a><\/div><\/div><\/div><\/div><div class=\"portfolio-entry vcex-grid-item entry-has-details span_1_of_3 col col-2 vcex-isotope-entry vcex-no-margin-entry post-38227 entry type-portfolio has-media cat-99 translation_priority-5\"><div class=\"portfolio-entry-inner entry-inner wpex-clr\"><div class=\"portfolio-entry-media entry-media wpex-clr\"><a href=\"https:\/\/www.garciafaura.com\/wp-content\/uploads\/2024\/10\/Illa-B-Marina-del-Prat-Vermell-render-1.jpg\" title=\"\u00cele B Marina del Prat Vermell\" class=\"portfolio-entry-media-link wpex-lightbox-gallery\" data-gallery=\"[{&quot;src&quot;:&quot;https:\\\/\\\/www.garciafaura.com\\\/wp-content\\\/uploads\\\/2024\\\/10\\\/Illa-B-Marina-del-Prat-Vermell-render-1.jpg&quot;},{&quot;src&quot;:&quot;https:\\\/\\\/www.garciafaura.com\\\/wp-content\\\/uploads\\\/2024\\\/10\\\/Illa-B-Marina-del-Prat-Vermell-render-2.jpg&quot;},{&quot;src&quot;:&quot;https:\\\/\\\/www.garciafaura.com\\\/wp-content\\\/uploads\\\/2024\\\/10\\\/Illa-B-Marina-del-Prat-Vermell-render-3.jpg&quot;},{&quot;src&quot;:&quot;https:\\\/\\\/www.garciafaura.com\\\/wp-content\\\/uploads\\\/2024\\\/10\\\/Illa-B-Marina-del-Prat-Vermell-render-4.jpg&quot;}]\"><img loading=\"lazy\" decoding=\"async\" data-no-lazy=\"1\" class=\"portfolio-entry-img skip-lazy\" src=\"https:\/\/www.garciafaura.com\/wp-content\/uploads\/2024\/10\/Illa-B-Marina-del-Prat-Vermell-render-1-600x314.jpg\" alt='' data-no-retina width=\"600\" height=\"314\" \/><\/a><\/div><div class=\"portfolio-entry-details entry-details wpex-clr\"><h2 class=\"portfolio-entry-title entry-title\"><a href=\"https:\/\/www.garciafaura.com\/fr\/portfolio-item\/illa-b-marina-del-prat-vermell\/\" title=\"\u00cele B Marina del Prat Vermell\">\u00cele B Marina del Prat Vermell<\/a><\/h2><div class=\"portfolio-entry-categories entry-categories wpex-clr\"><a href=\"https:\/\/www.garciafaura.com\/fr\/portfolio-category\/en-construction\/\" class=\"term-99\">En construction<\/a><\/div><\/div><\/div><\/div><div class=\"portfolio-entry vcex-grid-item entry-has-details span_1_of_3 col col-3 vcex-isotope-entry vcex-no-margin-entry post-37500 entry type-portfolio has-media cat-99 translation_priority-5\"><div class=\"portfolio-entry-inner entry-inner wpex-clr\"><div class=\"portfolio-entry-media entry-media wpex-clr\"><a href=\"https:\/\/www.garciafaura.com\/wp-content\/uploads\/2024\/09\/OTAN-Luxemburg-render.jpg\" title=\"Si\u00e8ge de l&rsquo;OTAN \u00e0 Luxembourg\" class=\"portfolio-entry-media-link wpex-lightbox\"><img loading=\"lazy\" decoding=\"async\" data-no-lazy=\"1\" class=\"portfolio-entry-img skip-lazy\" src=\"https:\/\/www.garciafaura.com\/wp-content\/uploads\/2024\/09\/OTAN-Luxemburg-render-600x314.jpg\" alt=\"Seu Sede Si\u00e8ge Headquarters OTAN Luxemburg Luxemburgo Garcia Faura\" data-no-retina width=\"600\" height=\"314\" \/><\/a><\/div><div class=\"portfolio-entry-details entry-details wpex-clr\"><h2 class=\"portfolio-entry-title entry-title\"><a href=\"https:\/\/www.garciafaura.com\/fr\/portfolio-item\/seu-de-lotan-a-luxemburg\/\" title=\"Si\u00e8ge de l&rsquo;OTAN \u00e0 Luxembourg\">Si\u00e8ge de l&rsquo;OTAN \u00e0 Luxembourg<\/a><\/h2><div class=\"portfolio-entry-categories entry-categories wpex-clr\"><a href=\"https:\/\/www.garciafaura.com\/fr\/portfolio-category\/en-construction\/\" class=\"term-99\">En construction<\/a><\/div><\/div><\/div><\/div><div class=\"portfolio-entry vcex-grid-item entry-has-details span_1_of_3 col col-1 vcex-isotope-entry vcex-no-margin-entry post-37485 entry type-portfolio has-media cat-99 translation_priority-5\"><div class=\"portfolio-entry-inner entry-inner wpex-clr\"><div class=\"portfolio-entry-media entry-media wpex-clr\"><a href=\"https:\/\/www.garciafaura.com\/wp-content\/uploads\/2024\/09\/Habitatges-Calafell-Garcia-Faura-01.jpg\" title=\"Promotion Calafell\" class=\"portfolio-entry-media-link wpex-lightbox-gallery\" data-gallery=\"[{&quot;src&quot;:&quot;https:\\\/\\\/www.garciafaura.com\\\/wp-content\\\/uploads\\\/2024\\\/09\\\/Habitatges-Calafell-Garcia-Faura-01.jpg&quot;},{&quot;src&quot;:&quot;https:\\\/\\\/www.garciafaura.com\\\/wp-content\\\/uploads\\\/2024\\\/09\\\/Habitatges-Calafell-Garcia-Faura-26.jpg&quot;},{&quot;src&quot;:&quot;https:\\\/\\\/www.garciafaura.com\\\/wp-content\\\/uploads\\\/2024\\\/09\\\/Habitatges-Calafell-Garcia-Faura-25.jpg&quot;},{&quot;src&quot;:&quot;https:\\\/\\\/www.garciafaura.com\\\/wp-content\\\/uploads\\\/2024\\\/09\\\/Habitatges-Calafell-Garcia-Faura-24.jpg&quot;},{&quot;src&quot;:&quot;https:\\\/\\\/www.garciafaura.com\\\/wp-content\\\/uploads\\\/2024\\\/09\\\/Habitatges-Calafell-Garcia-Faura-23.jpg&quot;},{&quot;src&quot;:&quot;https:\\\/\\\/www.garciafaura.com\\\/wp-content\\\/uploads\\\/2024\\\/09\\\/Habitatges-Calafell-Garcia-Faura-22.jpg&quot;},{&quot;src&quot;:&quot;https:\\\/\\\/www.garciafaura.com\\\/wp-content\\\/uploads\\\/2024\\\/09\\\/Habitatges-Calafell-Garcia-Faura-21.jpg&quot;},{&quot;src&quot;:&quot;https:\\\/\\\/www.garciafaura.com\\\/wp-content\\\/uploads\\\/2024\\\/09\\\/Habitatges-Calafell-Garcia-Faura-20.jpg&quot;},{&quot;src&quot;:&quot;https:\\\/\\\/www.garciafaura.com\\\/wp-content\\\/uploads\\\/2024\\\/09\\\/Habitatges-Calafell-Garcia-Faura-19.jpg&quot;},{&quot;src&quot;:&quot;https:\\\/\\\/www.garciafaura.com\\\/wp-content\\\/uploads\\\/2024\\\/09\\\/Habitatges-Calafell-Garcia-Faura-18.jpg&quot;},{&quot;src&quot;:&quot;https:\\\/\\\/www.garciafaura.com\\\/wp-content\\\/uploads\\\/2024\\\/09\\\/Habitatges-Calafell-Garcia-Faura-17.jpg&quot;},{&quot;src&quot;:&quot;https:\\\/\\\/www.garciafaura.com\\\/wp-content\\\/uploads\\\/2024\\\/09\\\/Habitatges-Calafell-Garcia-Faura-16.jpg&quot;},{&quot;src&quot;:&quot;https:\\\/\\\/www.garciafaura.com\\\/wp-content\\\/uploads\\\/2024\\\/09\\\/Habitatges-Calafell-Garcia-Faura-15.jpg&quot;},{&quot;src&quot;:&quot;https:\\\/\\\/www.garciafaura.com\\\/wp-content\\\/uploads\\\/2024\\\/09\\\/Habitatges-Calafell-Garcia-Faura-14.jpg&quot;},{&quot;src&quot;:&quot;https:\\\/\\\/www.garciafaura.com\\\/wp-content\\\/uploads\\\/2024\\\/09\\\/Habitatges-Calafell-Garcia-Faura-13.jpg&quot;},{&quot;src&quot;:&quot;https:\\\/\\\/www.garciafaura.com\\\/wp-content\\\/uploads\\\/2024\\\/09\\\/Habitatges-Calafell-Garcia-Faura-12.jpg&quot;},{&quot;src&quot;:&quot;https:\\\/\\\/www.garciafaura.com\\\/wp-content\\\/uploads\\\/2024\\\/09\\\/Habitatges-Calafell-Garcia-Faura-11.jpg&quot;},{&quot;src&quot;:&quot;https:\\\/\\\/www.garciafaura.com\\\/wp-content\\\/uploads\\\/2024\\\/09\\\/Habitatges-Calafell-Garcia-Faura-10.jpg&quot;},{&quot;src&quot;:&quot;https:\\\/\\\/www.garciafaura.com\\\/wp-content\\\/uploads\\\/2024\\\/09\\\/Habitatges-Calafell-Garcia-Faura-09.jpg&quot;},{&quot;src&quot;:&quot;https:\\\/\\\/www.garciafaura.com\\\/wp-content\\\/uploads\\\/2024\\\/09\\\/Habitatges-Calafell-Garcia-Faura-08.jpg&quot;},{&quot;src&quot;:&quot;https:\\\/\\\/www.garciafaura.com\\\/wp-content\\\/uploads\\\/2024\\\/09\\\/Habitatges-Calafell-Garcia-Faura-07.jpg&quot;},{&quot;src&quot;:&quot;https:\\\/\\\/www.garciafaura.com\\\/wp-content\\\/uploads\\\/2024\\\/09\\\/Habitatges-Calafell-Garcia-Faura-06.jpg&quot;},{&quot;src&quot;:&quot;https:\\\/\\\/www.garciafaura.com\\\/wp-content\\\/uploads\\\/2024\\\/09\\\/Habitatges-Calafell-Garcia-Faura-05.jpg&quot;},{&quot;src&quot;:&quot;https:\\\/\\\/www.garciafaura.com\\\/wp-content\\\/uploads\\\/2024\\\/09\\\/Habitatges-Calafell-Garcia-Faura-04.jpg&quot;},{&quot;src&quot;:&quot;https:\\\/\\\/www.garciafaura.com\\\/wp-content\\\/uploads\\\/2024\\\/09\\\/Habitatges-Calafell-Garcia-Faura-03.jpg&quot;},{&quot;src&quot;:&quot;https:\\\/\\\/www.garciafaura.com\\\/wp-content\\\/uploads\\\/2024\\\/09\\\/Habitatges-Calafell-Garcia-Faura-02.jpg&quot;}]\"><img loading=\"lazy\" decoding=\"async\" data-no-lazy=\"1\" class=\"portfolio-entry-img skip-lazy\" src=\"https:\/\/www.garciafaura.com\/wp-content\/uploads\/2024\/09\/Habitatges-Calafell-Garcia-Faura-01-600x314.jpg\" alt='' data-no-retina width=\"600\" height=\"314\" \/><\/a><\/div><div class=\"portfolio-entry-details entry-details wpex-clr\"><h2 class=\"portfolio-entry-title entry-title\"><a href=\"https:\/\/www.garciafaura.com\/fr\/portfolio-item\/promocio-calafell\/\" title=\"Promotion Calafell\">Promotion Calafell<\/a><\/h2><div class=\"portfolio-entry-categories entry-categories wpex-clr\"><a href=\"https:\/\/www.garciafaura.com\/fr\/portfolio-category\/en-construction\/\" class=\"term-99\">En construction<\/a><\/div><\/div><\/div><\/div><div class=\"portfolio-entry vcex-grid-item entry-has-details span_1_of_3 col col-2 vcex-isotope-entry vcex-no-margin-entry post-37470 entry type-portfolio has-media cat-99 translation_priority-5\"><div class=\"portfolio-entry-inner entry-inner wpex-clr\"><div class=\"portfolio-entry-media entry-media wpex-clr\"><a href=\"https:\/\/www.garciafaura.com\/wp-content\/uploads\/2024\/09\/Hotel-Node-Sant-Cugat-render.jpg\" title=\"H\u00f4tel Node Sant Cugat\" class=\"portfolio-entry-media-link wpex-lightbox\"><img loading=\"lazy\" decoding=\"async\" data-no-lazy=\"1\" class=\"portfolio-entry-img skip-lazy\" src=\"https:\/\/www.garciafaura.com\/wp-content\/uploads\/2024\/09\/Hotel-Node-Sant-Cugat-render-600x314.jpg\" alt=\"Hotel Node Sant Cugat Garcia Faura\" data-no-retina width=\"600\" height=\"314\" \/><\/a><\/div><div class=\"portfolio-entry-details entry-details wpex-clr\"><h2 class=\"portfolio-entry-title entry-title\"><a href=\"https:\/\/www.garciafaura.com\/fr\/portfolio-item\/hotel-node-sant-cugat\/\" title=\"H\u00f4tel Node Sant Cugat\">H\u00f4tel Node Sant Cugat<\/a><\/h2><div class=\"portfolio-entry-categories entry-categories wpex-clr\"><a href=\"https:\/\/www.garciafaura.com\/fr\/portfolio-category\/en-construction\/\" class=\"term-99\">En construction<\/a><\/div><\/div><\/div><\/div><div class=\"portfolio-entry vcex-grid-item entry-has-details span_1_of_3 col col-3 vcex-isotope-entry vcex-no-margin-entry post-37109 entry type-portfolio has-media cat-99 translation_priority-5\"><div class=\"portfolio-entry-inner entry-inner wpex-clr\"><div class=\"portfolio-entry-media entry-media wpex-clr\"><a href=\"https:\/\/www.garciafaura.com\/wp-content\/uploads\/2024\/06\/SonDureta-01-baixa.jpg\" title=\"Nouveau complexe hospitalier Son Dureta\" class=\"portfolio-entry-media-link wpex-lightbox-gallery\" data-gallery=\"[{&quot;src&quot;:&quot;https:\\\/\\\/www.garciafaura.com\\\/wp-content\\\/uploads\\\/2024\\\/06\\\/SonDureta-01-baixa.jpg&quot;},{&quot;src&quot;:&quot;https:\\\/\\\/www.garciafaura.com\\\/wp-content\\\/uploads\\\/2024\\\/06\\\/SonDureta-03-baixa.jpg&quot;},{&quot;src&quot;:&quot;https:\\\/\\\/www.garciafaura.com\\\/wp-content\\\/uploads\\\/2024\\\/06\\\/SonDureta-02-baixa.jpg&quot;}]\"><img loading=\"lazy\" decoding=\"async\" data-no-lazy=\"1\" class=\"portfolio-entry-img skip-lazy\" src=\"https:\/\/www.garciafaura.com\/wp-content\/uploads\/2024\/06\/SonDureta-01-baixa-600x314.jpg\" alt='' data-no-retina width=\"600\" height=\"314\" \/><\/a><\/div><div class=\"portfolio-entry-details entry-details wpex-clr\"><h2 class=\"portfolio-entry-title entry-title\"><a href=\"https:\/\/www.garciafaura.com\/fr\/portfolio-item\/nou-complex-sanitari-son-dureta\/\" title=\"Nouveau complexe hospitalier Son Dureta\">Nouveau complexe hospitalier Son Dureta<\/a><\/h2><div class=\"portfolio-entry-categories entry-categories wpex-clr\"><a href=\"https:\/\/www.garciafaura.com\/fr\/portfolio-category\/en-construction\/\" class=\"term-99\">En construction<\/a><\/div><\/div><\/div><\/div><div class=\"portfolio-entry vcex-grid-item entry-has-details span_1_of_3 col col-1 vcex-isotope-entry vcex-no-margin-entry post-37072 entry type-portfolio has-media cat-99 translation_priority-5\"><div class=\"portfolio-entry-inner entry-inner wpex-clr\"><div class=\"portfolio-entry-media entry-media wpex-clr\"><a href=\"https:\/\/www.garciafaura.com\/wp-content\/uploads\/2024\/05\/HotelBBLouxemburg.jpg\" title=\"B&#038;B Hotel Luxembourg\" class=\"portfolio-entry-media-link wpex-lightbox\"><img loading=\"lazy\" decoding=\"async\" data-no-lazy=\"1\" class=\"portfolio-entry-img skip-lazy\" src=\"https:\/\/www.garciafaura.com\/wp-content\/uploads\/2024\/05\/HotelBBLouxemburg-600x314.jpg\" alt='' data-no-retina width=\"600\" height=\"314\" \/><\/a><\/div><div class=\"portfolio-entry-details entry-details wpex-clr\"><h2 class=\"portfolio-entry-title entry-title\"><a href=\"https:\/\/www.garciafaura.com\/fr\/portfolio-item\/bb-hotel-luxemburg\/\" title=\"B&#038;B Hotel Luxembourg\">B&#038;B Hotel Luxembourg<\/a><\/h2><div class=\"portfolio-entry-categories entry-categories wpex-clr\"><a href=\"https:\/\/www.garciafaura.com\/fr\/portfolio-category\/en-construction\/\" class=\"term-99\">En construction<\/a><\/div><\/div><\/div><\/div><div class=\"portfolio-entry vcex-grid-item entry-has-details span_1_of_3 col col-2 vcex-isotope-entry vcex-no-margin-entry post-36873 entry type-portfolio has-media cat-99 translation_priority-5\"><div class=\"portfolio-entry-inner entry-inner wpex-clr\"><div class=\"portfolio-entry-media entry-media wpex-clr\"><a href=\"https:\/\/www.garciafaura.com\/wp-content\/uploads\/2024\/04\/ViaMaris1-bona.jpg\" title=\"R\u00e9sidentiel Via Maris\" class=\"portfolio-entry-media-link wpex-lightbox-gallery\" data-gallery=\"[{&quot;src&quot;:&quot;https:\\\/\\\/www.garciafaura.com\\\/wp-content\\\/uploads\\\/2024\\\/04\\\/ViaMaris1-bona.jpg&quot;},{&quot;src&quot;:&quot;https:\\\/\\\/www.garciafaura.com\\\/wp-content\\\/uploads\\\/2024\\\/04\\\/ViaMaris2-bona.jpg&quot;}]\"><img loading=\"lazy\" decoding=\"async\" data-no-lazy=\"1\" class=\"portfolio-entry-img skip-lazy\" src=\"https:\/\/www.garciafaura.com\/wp-content\/uploads\/2024\/04\/ViaMaris1-bona-600x314.jpg\" alt='' data-no-retina width=\"600\" height=\"314\" \/><\/a><\/div><div class=\"portfolio-entry-details entry-details wpex-clr\"><h2 class=\"portfolio-entry-title entry-title\"><a href=\"https:\/\/www.garciafaura.com\/fr\/portfolio-item\/residencial-via-maris\/\" title=\"R\u00e9sidentiel Via Maris\">R\u00e9sidentiel Via Maris<\/a><\/h2><div class=\"portfolio-entry-categories entry-categories wpex-clr\"><a href=\"https:\/\/www.garciafaura.com\/fr\/portfolio-category\/en-construction\/\" class=\"term-99\">En construction<\/a><\/div><\/div><\/div><\/div><div class=\"portfolio-entry vcex-grid-item entry-has-details span_1_of_3 col col-3 vcex-isotope-entry vcex-no-margin-entry post-36857 entry type-portfolio has-media cat-99 translation_priority-5\"><div class=\"portfolio-entry-inner entry-inner wpex-clr\"><div class=\"portfolio-entry-media entry-media wpex-clr\"><a href=\"https:\/\/www.garciafaura.com\/wp-content\/uploads\/2024\/04\/CerroGamosEd3.jpg\" title=\"R\u00e9novation Cerro de los Gamos, b\u00e2timent 3\" class=\"portfolio-entry-media-link wpex-lightbox\"><img loading=\"lazy\" decoding=\"async\" data-no-lazy=\"1\" class=\"portfolio-entry-img skip-lazy\" src=\"https:\/\/www.garciafaura.com\/wp-content\/uploads\/2024\/04\/CerroGamosEd3-600x314.jpg\" alt='' data-no-retina width=\"600\" height=\"314\" \/><\/a><\/div><div class=\"portfolio-entry-details entry-details wpex-clr\"><h2 class=\"portfolio-entry-title entry-title\"><a href=\"https:\/\/www.garciafaura.com\/fr\/portfolio-item\/rehabilitacio-cerro-de-los-gamos-edifici-3\/\" title=\"R\u00e9novation Cerro de los Gamos, b\u00e2timent 3\">R\u00e9novation Cerro de los Gamos, b\u00e2timent 3<\/a><\/h2><div class=\"portfolio-entry-categories entry-categories wpex-clr\"><a href=\"https:\/\/www.garciafaura.com\/fr\/portfolio-category\/en-construction\/\" class=\"term-99\">En construction<\/a><\/div><\/div><\/div><\/div><div class=\"portfolio-entry vcex-grid-item entry-has-details span_1_of_3 col col-1 vcex-isotope-entry vcex-no-margin-entry post-35625 entry type-portfolio has-media cat-99 translation_priority-5\"><div class=\"portfolio-entry-inner entry-inner wpex-clr\"><div class=\"portfolio-entry-media entry-media wpex-clr\"><a href=\"https:\/\/www.garciafaura.com\/wp-content\/uploads\/2024\/03\/SFB_Eq.Mallorca_Passatge-horit.jpg\" title=\"\u00cele d&rsquo;\u00e9quipements sociaux Mallorca 425\" class=\"portfolio-entry-media-link wpex-lightbox-gallery\" data-gallery=\"[{&quot;src&quot;:&quot;https:\\\/\\\/www.garciafaura.com\\\/wp-content\\\/uploads\\\/2024\\\/03\\\/SFB_Eq.Mallorca_Passatge-bo.jpg&quot;},{&quot;src&quot;:&quot;https:\\\/\\\/www.garciafaura.com\\\/wp-content\\\/uploads\\\/2024\\\/03\\\/SFB_Eq.Mallorca_Fachada-bo.jpg&quot;}]\"><img loading=\"lazy\" decoding=\"async\" data-no-lazy=\"1\" class=\"portfolio-entry-img skip-lazy\" src=\"https:\/\/www.garciafaura.com\/wp-content\/uploads\/2024\/03\/SFB_Eq.Mallorca_Passatge-horit-600x314.jpg\" alt='' data-no-retina width=\"600\" height=\"314\" \/><\/a><\/div><div class=\"portfolio-entry-details entry-details wpex-clr\"><h2 class=\"portfolio-entry-title entry-title\"><a href=\"https:\/\/www.garciafaura.com\/fr\/portfolio-item\/illa-dequipaments-mallorca-425\/\" title=\"\u00cele d&rsquo;\u00e9quipements sociaux Mallorca 425\">\u00cele d&rsquo;\u00e9quipements sociaux Mallorca 425<\/a><\/h2><div class=\"portfolio-entry-categories entry-categories wpex-clr\"><a href=\"https:\/\/www.garciafaura.com\/fr\/portfolio-category\/en-construction\/\" class=\"term-99\">En construction<\/a><\/div><\/div><\/div><\/div><div class=\"portfolio-entry vcex-grid-item entry-has-details span_1_of_3 col col-2 vcex-isotope-entry vcex-no-margin-entry post-35531 entry type-portfolio has-media cat-99 translation_priority-5\"><div class=\"portfolio-entry-inner entry-inner wpex-clr\"><div class=\"portfolio-entry-media entry-media wpex-clr\"><a href=\"https:\/\/www.garciafaura.com\/wp-content\/uploads\/2024\/02\/TowerOne-03.jpg\" title=\"Tower One Esplugues\" class=\"portfolio-entry-media-link wpex-lightbox-gallery\" data-gallery=\"[{&quot;src&quot;:&quot;https:\\\/\\\/www.garciafaura.com\\\/wp-content\\\/uploads\\\/2024\\\/02\\\/TowerOne-03.jpg&quot;},{&quot;src&quot;:&quot;https:\\\/\\\/www.garciafaura.com\\\/wp-content\\\/uploads\\\/2024\\\/02\\\/TowerOne-02.jpg&quot;},{&quot;src&quot;:&quot;https:\\\/\\\/www.garciafaura.com\\\/wp-content\\\/uploads\\\/2024\\\/02\\\/TowerOne-01.jpg&quot;}]\"><img loading=\"lazy\" decoding=\"async\" data-no-lazy=\"1\" class=\"portfolio-entry-img skip-lazy\" src=\"https:\/\/www.garciafaura.com\/wp-content\/uploads\/2024\/02\/TowerOne-03-600x314.jpg\" alt='' data-no-retina width=\"600\" height=\"314\" \/><\/a><\/div><div class=\"portfolio-entry-details entry-details wpex-clr\"><h2 class=\"portfolio-entry-title entry-title\"><a href=\"https:\/\/www.garciafaura.com\/fr\/portfolio-item\/tower-one-esplugues\/\" title=\"Tower One Esplugues\">Tower One Esplugues<\/a><\/h2><div class=\"portfolio-entry-categories entry-categories wpex-clr\"><a href=\"https:\/\/www.garciafaura.com\/fr\/portfolio-category\/en-construction\/\" class=\"term-99\">En construction<\/a><\/div><\/div><\/div><\/div><div class=\"portfolio-entry vcex-grid-item entry-has-details span_1_of_3 col col-3 vcex-isotope-entry vcex-no-margin-entry post-35509 entry type-portfolio has-media cat-99 translation_priority-5\"><div class=\"portfolio-entry-inner entry-inner wpex-clr\"><div class=\"portfolio-entry-media entry-media wpex-clr\"><a href=\"https:\/\/www.garciafaura.com\/wp-content\/uploads\/2024\/02\/Mercat-Sagrada-Familia.jpg\" title=\"R\u00e9novation du march\u00e9 Sagrada Familia\" class=\"portfolio-entry-media-link wpex-lightbox\"><img loading=\"lazy\" decoding=\"async\" data-no-lazy=\"1\" class=\"portfolio-entry-img skip-lazy\" src=\"https:\/\/www.garciafaura.com\/wp-content\/uploads\/2024\/02\/Mercat-Sagrada-Familia-600x314.jpg\" alt='' data-no-retina width=\"600\" height=\"314\" \/><\/a><\/div><div class=\"portfolio-entry-details entry-details wpex-clr\"><h2 class=\"portfolio-entry-title entry-title\"><a href=\"https:\/\/www.garciafaura.com\/fr\/portfolio-item\/reforma-mercat-sagrada-familia\/\" title=\"R\u00e9novation du march\u00e9 Sagrada Familia\">R\u00e9novation du march\u00e9 Sagrada Familia<\/a><\/h2><div class=\"portfolio-entry-categories entry-categories wpex-clr\"><a href=\"https:\/\/www.garciafaura.com\/fr\/portfolio-category\/en-construction\/\" class=\"term-99\">En construction<\/a><\/div><\/div><\/div><\/div><div class=\"portfolio-entry vcex-grid-item entry-has-details span_1_of_3 col col-1 vcex-isotope-entry vcex-no-margin-entry post-33451 entry type-portfolio has-media cat-99 translation_priority-5\"><div class=\"portfolio-entry-inner entry-inner wpex-clr\"><div class=\"portfolio-entry-media entry-media wpex-clr\"><a href=\"https:\/\/www.garciafaura.com\/wp-content\/uploads\/2023\/10\/BravaPlatjaAro_03a.jpg\" title=\"Promotion Brava Platja d&rsquo;Aro\" class=\"portfolio-entry-media-link wpex-lightbox-gallery\" data-gallery=\"[{&quot;src&quot;:&quot;https:\\\/\\\/www.garciafaura.com\\\/wp-content\\\/uploads\\\/2023\\\/10\\\/BravaPlatjaAro_03a.jpg&quot;},{&quot;src&quot;:&quot;https:\\\/\\\/www.garciafaura.com\\\/wp-content\\\/uploads\\\/2023\\\/10\\\/BravaPlatjaAro_02a.jpg&quot;},{&quot;src&quot;:&quot;https:\\\/\\\/www.garciafaura.com\\\/wp-content\\\/uploads\\\/2023\\\/10\\\/BravaPlatjaAro_01a.jpg&quot;},{&quot;src&quot;:&quot;https:\\\/\\\/www.garciafaura.com\\\/wp-content\\\/uploads\\\/2023\\\/10\\\/BravaPlatjaAro_00a.jpg&quot;}]\"><img loading=\"lazy\" decoding=\"async\" data-no-lazy=\"1\" class=\"portfolio-entry-img skip-lazy\" src=\"https:\/\/www.garciafaura.com\/wp-content\/uploads\/2023\/10\/BravaPlatjaAro_03a-600x314.jpg\" alt='' data-no-retina width=\"600\" height=\"314\" \/><\/a><\/div><div class=\"portfolio-entry-details entry-details wpex-clr\"><h2 class=\"portfolio-entry-title entry-title\"><a href=\"https:\/\/www.garciafaura.com\/fr\/portfolio-item\/promocio-brava-platja-daro\/\" title=\"Promotion Brava Platja d&rsquo;Aro\">Promotion Brava Platja d&rsquo;Aro<\/a><\/h2><div class=\"portfolio-entry-categories entry-categories wpex-clr\"><a href=\"https:\/\/www.garciafaura.com\/fr\/portfolio-category\/en-construction\/\" class=\"term-99\">En construction<\/a><\/div><\/div><\/div><\/div><div class=\"portfolio-entry vcex-grid-item entry-has-details span_1_of_3 col col-2 vcex-isotope-entry vcex-no-margin-entry post-33330 entry type-portfolio has-media cat-99 translation_priority-5\"><div class=\"portfolio-entry-inner entry-inner wpex-clr\"><div class=\"portfolio-entry-media entry-media wpex-clr\"><a href=\"https:\/\/www.garciafaura.com\/wp-content\/uploads\/2023\/09\/Odissey-Guadalajara-baixa.jpg\" title=\"Usine Odissey Guadalajara\" class=\"portfolio-entry-media-link wpex-lightbox\"><img loading=\"lazy\" decoding=\"async\" data-no-lazy=\"1\" class=\"portfolio-entry-img skip-lazy\" src=\"https:\/\/www.garciafaura.com\/wp-content\/uploads\/2023\/09\/Odissey-Guadalajara-baixa-600x314.jpg\" alt='' data-no-retina width=\"600\" height=\"314\" \/><\/a><\/div><div class=\"portfolio-entry-details entry-details wpex-clr\"><h2 class=\"portfolio-entry-title entry-title\"><a href=\"https:\/\/www.garciafaura.com\/fr\/portfolio-item\/planta-odissey-guadalajara\/\" title=\"Usine Odissey Guadalajara\">Usine Odissey Guadalajara<\/a><\/h2><div class=\"portfolio-entry-categories entry-categories wpex-clr\"><a href=\"https:\/\/www.garciafaura.com\/fr\/portfolio-category\/en-construction\/\" class=\"term-99\">En construction<\/a><\/div><\/div><\/div><\/div><div class=\"portfolio-entry vcex-grid-item entry-has-details span_1_of_3 col col-3 vcex-isotope-entry vcex-no-margin-entry post-32493 entry type-portfolio has-media cat-99 translation_priority-5\"><div class=\"portfolio-entry-inner entry-inner wpex-clr\"><div class=\"portfolio-entry-media entry-media wpex-clr\"><a href=\"https:\/\/www.garciafaura.com\/wp-content\/uploads\/2023\/08\/Colegio-Valdeluz.jpg\" title=\"R\u00e9novation Colegio Valdeluz\" class=\"portfolio-entry-media-link wpex-lightbox\"><img loading=\"lazy\" decoding=\"async\" data-no-lazy=\"1\" class=\"portfolio-entry-img skip-lazy\" src=\"https:\/\/www.garciafaura.com\/wp-content\/uploads\/2023\/08\/Colegio-Valdeluz-600x314.jpg\" alt='' data-no-retina width=\"600\" height=\"314\" \/><\/a><\/div><div class=\"portfolio-entry-details entry-details wpex-clr\"><h2 class=\"portfolio-entry-title entry-title\"><a href=\"https:\/\/www.garciafaura.com\/fr\/portfolio-item\/rehabilitacio-colegio-valdeluz\/\" title=\"R\u00e9novation Colegio Valdeluz\">R\u00e9novation Colegio Valdeluz<\/a><\/h2><div class=\"portfolio-entry-categories entry-categories wpex-clr\"><a href=\"https:\/\/www.garciafaura.com\/fr\/portfolio-category\/en-construction\/\" class=\"term-99\">En construction<\/a><\/div><\/div><\/div><\/div><div class=\"portfolio-entry vcex-grid-item entry-has-details span_1_of_3 col col-1 vcex-isotope-entry vcex-no-margin-entry post-32304 entry type-portfolio has-media cat-99 translation_priority-5\"><div class=\"portfolio-entry-inner entry-inner wpex-clr\"><div class=\"portfolio-entry-media entry-media wpex-clr\"><a href=\"https:\/\/www.garciafaura.com\/wp-content\/uploads\/2023\/07\/Nau-Ballfego.jpg\" title=\"B\u00e2timent industriel Balfeg\u00f3\" class=\"portfolio-entry-media-link wpex-lightbox\"><img loading=\"lazy\" decoding=\"async\" data-no-lazy=\"1\" class=\"portfolio-entry-img skip-lazy\" src=\"https:\/\/www.garciafaura.com\/wp-content\/uploads\/2023\/07\/Nau-Ballfego-600x314.jpg\" alt='' data-no-retina width=\"600\" height=\"314\" \/><\/a><\/div><div class=\"portfolio-entry-details entry-details wpex-clr\"><h2 class=\"portfolio-entry-title entry-title\"><a href=\"https:\/\/www.garciafaura.com\/fr\/portfolio-item\/nau-ballfego\/\" title=\"B\u00e2timent industriel Balfeg\u00f3\">B\u00e2timent industriel Balfeg\u00f3<\/a><\/h2><div class=\"portfolio-entry-categories entry-categories wpex-clr\"><a href=\"https:\/\/www.garciafaura.com\/fr\/portfolio-category\/en-construction\/\" class=\"term-99\">En construction<\/a><\/div><\/div><\/div><\/div><div class=\"portfolio-entry vcex-grid-item entry-has-details span_1_of_3 col col-2 vcex-isotope-entry vcex-no-margin-entry post-31990 entry type-portfolio has-media cat-99 translation_priority-5\"><div class=\"portfolio-entry-inner entry-inner wpex-clr\"><div class=\"portfolio-entry-media entry-media wpex-clr\"><a href=\"https:\/\/www.garciafaura.com\/wp-content\/uploads\/2023\/04\/Monobloc-Hospital-Mar-03.jpg\" title=\"R\u00e9novation b\u00e2timent H\u00f4pital Mar\" class=\"portfolio-entry-media-link wpex-lightbox-gallery\" data-gallery=\"[{&quot;src&quot;:&quot;https:\\\/\\\/www.garciafaura.com\\\/wp-content\\\/uploads\\\/2023\\\/04\\\/Monobloc-Hospital-Mar-01.jpg&quot;},{&quot;src&quot;:&quot;https:\\\/\\\/www.garciafaura.com\\\/wp-content\\\/uploads\\\/2023\\\/04\\\/Monobloc-Hospital-Mar-04.jpg&quot;},{&quot;src&quot;:&quot;https:\\\/\\\/www.garciafaura.com\\\/wp-content\\\/uploads\\\/2023\\\/04\\\/Monobloc-Hospital-Mar-02.jpg&quot;},{&quot;src&quot;:&quot;https:\\\/\\\/www.garciafaura.com\\\/wp-content\\\/uploads\\\/2023\\\/04\\\/Monobloc-Hospital-Mar-03.jpg&quot;}]\"><img loading=\"lazy\" decoding=\"async\" data-no-lazy=\"1\" class=\"portfolio-entry-img skip-lazy\" src=\"https:\/\/www.garciafaura.com\/wp-content\/uploads\/2023\/04\/Monobloc-Hospital-Mar-03-600x314.jpg\" alt='' data-no-retina width=\"600\" height=\"314\" \/><\/a><\/div><div class=\"portfolio-entry-details entry-details wpex-clr\"><h2 class=\"portfolio-entry-title entry-title\"><a href=\"https:\/\/www.garciafaura.com\/fr\/portfolio-item\/rehabilitacio-edifici-monobloc-hospital-del-mar\/\" title=\"R\u00e9novation b\u00e2timent H\u00f4pital Mar\">R\u00e9novation b\u00e2timent H\u00f4pital Mar<\/a><\/h2><div class=\"portfolio-entry-categories entry-categories wpex-clr\"><a href=\"https:\/\/www.garciafaura.com\/fr\/portfolio-category\/en-construction\/\" class=\"term-99\">En construction<\/a><\/div><\/div><\/div><\/div><div class=\"portfolio-entry vcex-grid-item entry-has-details span_1_of_3 col col-3 vcex-isotope-entry vcex-no-margin-entry post-31449 entry type-portfolio has-media cat-99 translation_priority-5\"><div class=\"portfolio-entry-inner entry-inner wpex-clr\"><div class=\"portfolio-entry-media entry-media wpex-clr\"><a href=\"https:\/\/www.garciafaura.com\/wp-content\/uploads\/2023\/02\/Medicalmix.jpg\" title=\"Bureaux MedicalMix\" class=\"portfolio-entry-media-link wpex-lightbox\"><img loading=\"lazy\" decoding=\"async\" data-no-lazy=\"1\" class=\"portfolio-entry-img skip-lazy\" src=\"https:\/\/www.garciafaura.com\/wp-content\/uploads\/2023\/02\/Medicalmix-600x314.jpg\" alt='' data-no-retina width=\"600\" height=\"314\" \/><\/a><\/div><div class=\"portfolio-entry-details entry-details wpex-clr\"><h2 class=\"portfolio-entry-title entry-title\"><a href=\"https:\/\/www.garciafaura.com\/fr\/portfolio-item\/oficines-medicalmix\/\" title=\"Bureaux MedicalMix\">Bureaux MedicalMix<\/a><\/h2><div class=\"portfolio-entry-categories entry-categories wpex-clr\"><a href=\"https:\/\/www.garciafaura.com\/fr\/portfolio-category\/en-construction\/\" class=\"term-99\">En construction<\/a><\/div><\/div><\/div><\/div><div class=\"portfolio-entry vcex-grid-item entry-has-details span_1_of_3 col col-1 vcex-isotope-entry vcex-no-margin-entry post-31279 entry type-portfolio has-media cat-99 translation_priority-5\"><div class=\"portfolio-entry-inner entry-inner wpex-clr\"><div class=\"portfolio-entry-media entry-media wpex-clr\"><a href=\"https:\/\/www.garciafaura.com\/wp-content\/uploads\/2023\/02\/Asnieres-B5-03.jpg\" title=\"Promotion Asni\u00e8res B5\" class=\"portfolio-entry-media-link wpex-lightbox-gallery\" data-gallery=\"[{&quot;src&quot;:&quot;https:\\\/\\\/www.garciafaura.com\\\/wp-content\\\/uploads\\\/2023\\\/02\\\/Asnieres-B5-03.jpg&quot;},{&quot;src&quot;:&quot;https:\\\/\\\/www.garciafaura.com\\\/wp-content\\\/uploads\\\/2023\\\/02\\\/Asnieres-B5-02.jpg&quot;},{&quot;src&quot;:&quot;https:\\\/\\\/www.garciafaura.com\\\/wp-content\\\/uploads\\\/2023\\\/02\\\/Asnieres-B5-01.jpg&quot;}]\"><img loading=\"lazy\" decoding=\"async\" data-no-lazy=\"1\" class=\"portfolio-entry-img skip-lazy\" src=\"https:\/\/www.garciafaura.com\/wp-content\/uploads\/2023\/02\/Asnieres-B5-03-600x314.jpg\" alt='' data-no-retina width=\"600\" height=\"314\" \/><\/a><\/div><div class=\"portfolio-entry-details entry-details wpex-clr\"><h2 class=\"portfolio-entry-title entry-title\"><a href=\"https:\/\/www.garciafaura.com\/fr\/portfolio-item\/promocio-asnieres-b5\/\" title=\"Promotion Asni\u00e8res B5\">Promotion Asni\u00e8res B5<\/a><\/h2><div class=\"portfolio-entry-categories entry-categories wpex-clr\"><a href=\"https:\/\/www.garciafaura.com\/fr\/portfolio-category\/en-construction\/\" class=\"term-99\">En construction<\/a><\/div><\/div><\/div><\/div><div class=\"portfolio-entry vcex-grid-item entry-has-details span_1_of_3 col col-2 vcex-isotope-entry vcex-no-margin-entry post-25061 entry type-portfolio has-media cat-99 translation_priority-5\"><div class=\"portfolio-entry-inner entry-inner wpex-clr\"><div class=\"portfolio-entry-media entry-media wpex-clr\"><a href=\"https:\/\/www.garciafaura.com\/wp-content\/uploads\/2020\/03\/ce\u0301lere_domeny_exterior-a.jpg\" title=\"Promotion Domeny G\u00e9rone\" class=\"portfolio-entry-media-link wpex-lightbox-gallery\" data-gallery=\"[{&quot;src&quot;:&quot;https:\\\/\\\/www.garciafaura.com\\\/wp-content\\\/uploads\\\/2020\\\/03\\\/ce\\u0301lere_domeny_exterior-a.jpg&quot;},{&quot;src&quot;:&quot;https:\\\/\\\/www.garciafaura.com\\\/wp-content\\\/uploads\\\/2020\\\/03\\\/celere_domeny_terraza-a.jpg&quot;},{&quot;src&quot;:&quot;https:\\\/\\\/www.garciafaura.com\\\/wp-content\\\/uploads\\\/2020\\\/03\\\/celere_domeny_terraza_2a.jpg&quot;},{&quot;src&quot;:&quot;https:\\\/\\\/www.garciafaura.com\\\/wp-content\\\/uploads\\\/2020\\\/03\\\/celere_domeny_psicina_1a.jpg&quot;}]\"><img loading=\"lazy\" decoding=\"async\" data-no-lazy=\"1\" class=\"portfolio-entry-img skip-lazy\" src=\"https:\/\/www.garciafaura.com\/wp-content\/uploads\/2020\/03\/ce\u0301lere_domeny_exterior-a-600x314.jpg\" alt='' data-no-retina width=\"600\" height=\"314\" \/><\/a><\/div><div class=\"portfolio-entry-details entry-details wpex-clr\"><h2 class=\"portfolio-entry-title entry-title\"><a href=\"https:\/\/www.garciafaura.com\/fr\/portfolio-item\/domeny-girona-promotion\/\" title=\"Promotion Domeny G\u00e9rone\">Promotion Domeny G\u00e9rone<\/a><\/h2><div class=\"portfolio-entry-categories entry-categories wpex-clr\"><a href=\"https:\/\/www.garciafaura.com\/fr\/portfolio-category\/en-construction\/\" class=\"term-99\">En construction<\/a><\/div><\/div><\/div><\/div><div class=\"portfolio-entry vcex-grid-item entry-has-details span_1_of_3 col col-3 vcex-isotope-entry vcex-no-margin-entry post-24663 entry type-portfolio has-media cat-99 translation_priority-5\"><div class=\"portfolio-entry-inner entry-inner wpex-clr\"><div class=\"portfolio-entry-media entry-media wpex-clr\"><a href=\"https:\/\/www.garciafaura.com\/wp-content\/uploads\/2020\/01\/IESEMadrid-01.jpg\" title=\"Si\u00e8ge IESE Madrid\" class=\"portfolio-entry-media-link wpex-lightbox-gallery\" data-gallery=\"[{&quot;src&quot;:&quot;https:\\\/\\\/www.garciafaura.com\\\/wp-content\\\/uploads\\\/2020\\\/01\\\/IESEMadrid-01.jpg&quot;,&quot;title&quot;:&quot;Fa\\u00e7ades, murs-rideaux et double peau pour le nouveau b\\u00e2timent d&#039;enseignement que l&#039;IESE projette dans la capitale espagnole.&quot;},{&quot;src&quot;:&quot;https:\\\/\\\/www.garciafaura.com\\\/wp-content\\\/uploads\\\/2020\\\/01\\\/IESEMadrid-02.jpg&quot;,&quot;title&quot;:&quot;Fa\\u00e7ades, murs-rideaux et double peau pour le nouveau b\\u00e2timent d&#039;enseignement que l&#039;IESE projette dans la capitale espagnole.&quot;},{&quot;src&quot;:&quot;https:\\\/\\\/www.garciafaura.com\\\/wp-content\\\/uploads\\\/2020\\\/01\\\/IESEMadrid-07.jpg&quot;,&quot;title&quot;:&quot;Fa\\u00e7ades, murs-rideaux et double peau pour le nouveau b\\u00e2timent d&#039;enseignement que l&#039;IESE projette dans la capitale espagnole.&quot;},{&quot;src&quot;:&quot;https:\\\/\\\/www.garciafaura.com\\\/wp-content\\\/uploads\\\/2020\\\/01\\\/IESEMadrid-06.jpg&quot;,&quot;title&quot;:&quot;Fa\\u00e7ades, murs-rideaux et double peau pour le nouveau b\\u00e2timent d&#039;enseignement que l&#039;IESE projette dans la capitale espagnole.&quot;},{&quot;src&quot;:&quot;https:\\\/\\\/www.garciafaura.com\\\/wp-content\\\/uploads\\\/2020\\\/01\\\/IESEMadrid-05.png&quot;,&quot;title&quot;:&quot;Fa\\u00e7ades, murs-rideaux et double peau pour le nouveau b\\u00e2timent d&#039;enseignement que l&#039;IESE projette dans la capitale espagnole.&quot;},{&quot;src&quot;:&quot;https:\\\/\\\/www.garciafaura.com\\\/wp-content\\\/uploads\\\/2020\\\/01\\\/IESEMadrid-04.png&quot;,&quot;title&quot;:&quot;Fa\\u00e7ades, murs-rideaux et double peau pour le nouveau b\\u00e2timent d&#039;enseignement que l&#039;IESE projette dans la capitale espagnole.&quot;},{&quot;src&quot;:&quot;https:\\\/\\\/www.garciafaura.com\\\/wp-content\\\/uploads\\\/2020\\\/01\\\/IESEMadrid-03.png&quot;,&quot;title&quot;:&quot;Fa\\u00e7ades, murs-rideaux et double peau pour le nouveau b\\u00e2timent d&#039;enseignement que l&#039;IESE projette dans la capitale espagnole.&quot;}]\"><img loading=\"lazy\" decoding=\"async\" data-no-lazy=\"1\" class=\"portfolio-entry-img skip-lazy\" src=\"https:\/\/www.garciafaura.com\/wp-content\/uploads\/2020\/01\/IESEMadrid-01-600x314.jpg\" alt=\"Fa\u00e7ades, Murs-rideaux Et Double Peau Pour Le Nouveau B\u00e2timent D'enseignement Que L'IESE Projette Dans La Capitale Espagnole.\" data-no-retina width=\"600\" height=\"314\" \/><\/a><\/div><div class=\"portfolio-entry-details entry-details wpex-clr\"><h2 class=\"portfolio-entry-title entry-title\"><a href=\"https:\/\/www.garciafaura.com\/fr\/portfolio-item\/siege-iese-madrid\/\" title=\"Si\u00e8ge IESE Madrid\">Si\u00e8ge IESE Madrid<\/a><\/h2><div class=\"portfolio-entry-categories entry-categories wpex-clr\"><a href=\"https:\/\/www.garciafaura.com\/fr\/portfolio-category\/en-construction\/\" class=\"term-99\">En construction<\/a><\/div><\/div><\/div><\/div><div class=\"portfolio-entry vcex-grid-item entry-has-details span_1_of_3 col col-1 vcex-isotope-entry vcex-no-margin-entry post-23968 entry type-portfolio has-media cat-99 translation_priority-5\"><div class=\"portfolio-entry-inner entry-inner wpex-clr\"><div class=\"portfolio-entry-media entry-media wpex-clr\"><a href=\"https:\/\/www.garciafaura.com\/wp-content\/uploads\/2019\/10\/Migdia-Girona.jpg\" title=\"Promotion Migdia Girona\" class=\"portfolio-entry-media-link wpex-lightbox\"><img decoding=\"async\" data-no-lazy=\"1\" class=\"portfolio-entry-img skip-lazy\" src=\"https:\/\/www.garciafaura.com\/wp-content\/uploads\/2019\/10\/Migdia-Girona-x.jpg\" alt='' data-no-retina \/><\/a><\/div><div class=\"portfolio-entry-details entry-details wpex-clr\"><h2 class=\"portfolio-entry-title entry-title\"><a href=\"https:\/\/www.garciafaura.com\/fr\/portfolio-item\/promotion-migdia-girona\/\" title=\"Promotion Migdia Girona\">Promotion Migdia Girona<\/a><\/h2><div class=\"portfolio-entry-categories entry-categories wpex-clr\"><a href=\"https:\/\/www.garciafaura.com\/fr\/portfolio-category\/en-construction\/\" class=\"term-99\">En construction<\/a><\/div><\/div><\/div><\/div><div class=\"portfolio-entry vcex-grid-item entry-has-details span_1_of_3 col col-2 vcex-isotope-entry vcex-no-margin-entry post-20451 entry type-portfolio has-media cat-99 translation_priority-5\"><div class=\"portfolio-entry-inner entry-inner wpex-clr\"><div class=\"portfolio-entry-media entry-media wpex-clr\"><a href=\"https:\/\/www.garciafaura.com\/wp-content\/uploads\/2019\/04\/Promocio-Girona-02.jpg\" title=\"Promotion Girona\" class=\"portfolio-entry-media-link wpex-lightbox-gallery\" data-gallery=\"[{&quot;src&quot;:&quot;https:\\\/\\\/www.garciafaura.com\\\/wp-content\\\/uploads\\\/2019\\\/04\\\/Promocio-Girona-02.jpg&quot;,&quot;title&quot;:&quot;Travaux pour promotion r\\u00e9sidentielle \\u00e0 G\\u00e9rone&quot;},{&quot;src&quot;:&quot;https:\\\/\\\/www.garciafaura.com\\\/wp-content\\\/uploads\\\/2019\\\/04\\\/Promocio-Girona-01.jpg&quot;,&quot;title&quot;:&quot;Travaux pour promotion r\\u00e9sidentielle \\u00e0 G\\u00e9rone&quot;}]\"><img loading=\"lazy\" decoding=\"async\" data-no-lazy=\"1\" class=\"portfolio-entry-img skip-lazy\" src=\"https:\/\/www.garciafaura.com\/wp-content\/uploads\/2019\/04\/Promocio-Girona-02-600x314.jpg\" alt=\"Travaux Pour Promotion R\u00e9sidentielle \u00e0 G\u00e9rone\" data-no-retina width=\"600\" height=\"314\" \/><\/a><\/div><div class=\"portfolio-entry-details entry-details wpex-clr\"><h2 class=\"portfolio-entry-title entry-title\"><a href=\"https:\/\/www.garciafaura.com\/fr\/portfolio-item\/promotion-girona\/\" title=\"Promotion Girona\">Promotion Girona<\/a><\/h2><div class=\"portfolio-entry-categories entry-categories wpex-clr\"><a href=\"https:\/\/www.garciafaura.com\/fr\/portfolio-category\/en-construction\/\" class=\"term-99\">En construction<\/a><\/div><\/div><\/div><\/div><\/div><\/div>[\/vc_column][\/vc_row]\n<\/div>","protected":false},"excerpt":{"rendered":"<p>[vc_row full_width=\u00a0\u00bbstretch_row\u00a0\u00bb wpex_bg_overlay=\u00a0\u00bbcolor\u00a0\u00bb wpex_bg_overlay_color=\u00a0\u00bb#d9d9d9&Prime; wpex_bg_overlay_opacity=\u00a0\u00bb0.85&Prime;][vc_column][vc_column_text]GARCIA FAURA travaille actuellement sur les projets de construction suivants.[\/vc_column_text][\/vc_column][\/vc_row][vc_row][vc_column][\/vc_column][\/vc_row]<\/p>\n","protected":false},"author":3,"featured_media":0,"parent":0,"menu_order":0,"comment_status":"closed","ping_status":"closed","template":"","meta":{"footnotes":""},"class_list":["post-20014","page","type-page","status-publish","hentry","entry","no-media"],"yoast_head":"<!-- This site is optimized with the Yoast SEO plugin v26.7 - https:\/\/yoast.com\/wordpress\/plugins\/seo\/ -->\n<title>Projets en construction - GARCIA FAURA<\/title>\n<meta name=\"description\" content=\"Arquitectura en Alumini, Inox, Ferro i Vidre\" \/>\n<meta name=\"robots\" content=\"index, follow, max-snippet:-1, max-image-preview:large, max-video-preview:-1\" \/>\n<link rel=\"canonical\" href=\"https:\/\/www.garciafaura.com\/fr\/projets-en-construction\/\" \/>\n<meta property=\"og:locale\" content=\"fr_FR\" \/>\n<meta property=\"og:type\" content=\"article\" \/>\n<meta property=\"og:title\" content=\"Projets en construction - GARCIA FAURA\" \/>\n<meta property=\"og:description\" content=\"Arquitectura en Alumini, Inox, Ferro i Vidre\" \/>\n<meta property=\"og:url\" content=\"https:\/\/www.garciafaura.com\/fr\/projets-en-construction\/\" \/>\n<meta property=\"og:site_name\" content=\"GARCIA FAURA\" \/>\n<meta property=\"article:modified_time\" content=\"2021-08-03T07:19:21+00:00\" \/>\n<meta name=\"twitter:card\" content=\"summary_large_image\" \/>\n<script type=\"application\/ld+json\" class=\"yoast-schema-graph\">{\"@context\":\"https:\/\/schema.org\",\"@graph\":[{\"@type\":\"WebPage\",\"@id\":\"https:\/\/www.garciafaura.com\/fr\/projets-en-construction\/\",\"url\":\"https:\/\/www.garciafaura.com\/fr\/projets-en-construction\/\",\"name\":\"Projets en construction - GARCIA FAURA\",\"isPartOf\":{\"@id\":\"https:\/\/www.garciafaura.com\/fr\/#website\"},\"datePublished\":\"2019-05-24T10:33:40+00:00\",\"dateModified\":\"2021-08-03T07:19:21+00:00\",\"description\":\"Arquitectura en Alumini, Inox, Ferro i Vidre\",\"breadcrumb\":{\"@id\":\"https:\/\/www.garciafaura.com\/fr\/projets-en-construction\/#breadcrumb\"},\"inLanguage\":\"fr-FR\",\"potentialAction\":[{\"@type\":\"ReadAction\",\"target\":[\"https:\/\/www.garciafaura.com\/fr\/projets-en-construction\/\"]}]},{\"@type\":\"BreadcrumbList\",\"@id\":\"https:\/\/www.garciafaura.com\/fr\/projets-en-construction\/#breadcrumb\",\"itemListElement\":[{\"@type\":\"ListItem\",\"position\":1,\"name\":\"Inici\",\"item\":\"https:\/\/www.garciafaura.com\/fr\/\"},{\"@type\":\"ListItem\",\"position\":2,\"name\":\"Projets en construction\"}]},{\"@type\":\"WebSite\",\"@id\":\"https:\/\/www.garciafaura.com\/fr\/#website\",\"url\":\"https:\/\/www.garciafaura.com\/fr\/\",\"name\":\"GARCIA FAURA\",\"description\":\"Arquitectura en Alumini, Inox, Ferro i Vidre\",\"publisher\":{\"@id\":\"https:\/\/www.garciafaura.com\/fr\/#organization\"},\"potentialAction\":[{\"@type\":\"SearchAction\",\"target\":{\"@type\":\"EntryPoint\",\"urlTemplate\":\"https:\/\/www.garciafaura.com\/fr\/?s={search_term_string}\"},\"query-input\":{\"@type\":\"PropertyValueSpecification\",\"valueRequired\":true,\"valueName\":\"search_term_string\"}}],\"inLanguage\":\"fr-FR\"},{\"@type\":\"Organization\",\"@id\":\"https:\/\/www.garciafaura.com\/fr\/#organization\",\"name\":\"GARCIA FAURA\",\"url\":\"https:\/\/www.garciafaura.com\/fr\/\",\"logo\":{\"@type\":\"ImageObject\",\"inLanguage\":\"fr-FR\",\"@id\":\"https:\/\/www.garciafaura.com\/fr\/#\/schema\/logo\/image\/\",\"url\":\"https:\/\/www.garciafaura.com\/wp-content\/uploads\/2018\/09\/Garcia-Faura.png\",\"contentUrl\":\"https:\/\/www.garciafaura.com\/wp-content\/uploads\/2018\/09\/Garcia-Faura.png\",\"width\":512,\"height\":512,\"caption\":\"GARCIA FAURA\"},\"image\":{\"@id\":\"https:\/\/www.garciafaura.com\/fr\/#\/schema\/logo\/image\/\"},\"sameAs\":[\"https:\/\/www.youtube.com\/user\/GARCIAFAURA\"]}]}<\/script>\n<!-- \/ Yoast SEO plugin. -->","yoast_head_json":{"title":"Projets en construction - GARCIA FAURA","description":"Arquitectura en Alumini, Inox, Ferro i Vidre","robots":{"index":"index","follow":"follow","max-snippet":"max-snippet:-1","max-image-preview":"max-image-preview:large","max-video-preview":"max-video-preview:-1"},"canonical":"https:\/\/www.garciafaura.com\/fr\/projets-en-construction\/","og_locale":"fr_FR","og_type":"article","og_title":"Projets en construction - GARCIA FAURA","og_description":"Arquitectura en Alumini, Inox, Ferro i Vidre","og_url":"https:\/\/www.garciafaura.com\/fr\/projets-en-construction\/","og_site_name":"GARCIA FAURA","article_modified_time":"2021-08-03T07:19:21+00:00","twitter_card":"summary_large_image","schema":{"@context":"https:\/\/schema.org","@graph":[{"@type":"WebPage","@id":"https:\/\/www.garciafaura.com\/fr\/projets-en-construction\/","url":"https:\/\/www.garciafaura.com\/fr\/projets-en-construction\/","name":"Projets en construction - GARCIA FAURA","isPartOf":{"@id":"https:\/\/www.garciafaura.com\/fr\/#website"},"datePublished":"2019-05-24T10:33:40+00:00","dateModified":"2021-08-03T07:19:21+00:00","description":"Arquitectura en Alumini, Inox, Ferro i Vidre","breadcrumb":{"@id":"https:\/\/www.garciafaura.com\/fr\/projets-en-construction\/#breadcrumb"},"inLanguage":"fr-FR","potentialAction":[{"@type":"ReadAction","target":["https:\/\/www.garciafaura.com\/fr\/projets-en-construction\/"]}]},{"@type":"BreadcrumbList","@id":"https:\/\/www.garciafaura.com\/fr\/projets-en-construction\/#breadcrumb","itemListElement":[{"@type":"ListItem","position":1,"name":"Inici","item":"https:\/\/www.garciafaura.com\/fr\/"},{"@type":"ListItem","position":2,"name":"Projets en construction"}]},{"@type":"WebSite","@id":"https:\/\/www.garciafaura.com\/fr\/#website","url":"https:\/\/www.garciafaura.com\/fr\/","name":"GARCIA FAURA","description":"Arquitectura en Alumini, Inox, Ferro i Vidre","publisher":{"@id":"https:\/\/www.garciafaura.com\/fr\/#organization"},"potentialAction":[{"@type":"SearchAction","target":{"@type":"EntryPoint","urlTemplate":"https:\/\/www.garciafaura.com\/fr\/?s={search_term_string}"},"query-input":{"@type":"PropertyValueSpecification","valueRequired":true,"valueName":"search_term_string"}}],"inLanguage":"fr-FR"},{"@type":"Organization","@id":"https:\/\/www.garciafaura.com\/fr\/#organization","name":"GARCIA FAURA","url":"https:\/\/www.garciafaura.com\/fr\/","logo":{"@type":"ImageObject","inLanguage":"fr-FR","@id":"https:\/\/www.garciafaura.com\/fr\/#\/schema\/logo\/image\/","url":"https:\/\/www.garciafaura.com\/wp-content\/uploads\/2018\/09\/Garcia-Faura.png","contentUrl":"https:\/\/www.garciafaura.com\/wp-content\/uploads\/2018\/09\/Garcia-Faura.png","width":512,"height":512,"caption":"GARCIA FAURA"},"image":{"@id":"https:\/\/www.garciafaura.com\/fr\/#\/schema\/logo\/image\/"},"sameAs":["https:\/\/www.youtube.com\/user\/GARCIAFAURA"]}]}},"_links":{"self":[{"href":"https:\/\/www.garciafaura.com\/fr\/wp-json\/wp\/v2\/pages\/20014","targetHints":{"allow":["GET"]}}],"collection":[{"href":"https:\/\/www.garciafaura.com\/fr\/wp-json\/wp\/v2\/pages"}],"about":[{"href":"https:\/\/www.garciafaura.com\/fr\/wp-json\/wp\/v2\/types\/page"}],"author":[{"embeddable":true,"href":"https:\/\/www.garciafaura.com\/fr\/wp-json\/wp\/v2\/users\/3"}],"replies":[{"embeddable":true,"href":"https:\/\/www.garciafaura.com\/fr\/wp-json\/wp\/v2\/comments?post=20014"}],"version-history":[{"count":6,"href":"https:\/\/www.garciafaura.com\/fr\/wp-json\/wp\/v2\/pages\/20014\/revisions"}],"predecessor-version":[{"id":27933,"href":"https:\/\/www.garciafaura.com\/fr\/wp-json\/wp\/v2\/pages\/20014\/revisions\/27933"}],"wp:attachment":[{"href":"https:\/\/www.garciafaura.com\/fr\/wp-json\/wp\/v2\/media?parent=20014"}],"curies":[{"name":"wp","href":"https:\/\/api.w.org\/{rel}","templated":true}]}}