{"id":41177,"date":"2025-10-23T13:09:36","date_gmt":"2025-10-23T11:09:36","guid":{"rendered":"https:\/\/www.garciafaura.com\/sostenibilidad\/"},"modified":"2025-10-23T13:11:03","modified_gmt":"2025-10-23T11:11:03","slug":"sostenibilidad","status":"publish","type":"page","link":"https:\/\/www.garciafaura.com\/es\/sostenibilidad\/","title":{"rendered":"Sostenibilidad"},"content":{"rendered":"<div class=\"wpb-content-wrapper\">[vc_row full_width=\u00bbstretch_row\u00bb typography_style=\u00bbwhite\u00bb][vc_column]<div class=\"vcex-spacing\" style=\"height:30px\"><\/div>[vc_column_text css=\u00bb\u00bb]<span style=\"font-family: 'Open Sans'; font-size: 18px;\"><strong>GARCIA FAURA<\/strong> apuesta por seguir ganando, d\u00eda a d\u00eda, nuevas cotas de sostenibilidad y mejorar la huella ecol\u00f3gica de la empresa. Por este motivo, implementamos acciones de seguimiento y elaboramos planes internos que nos ayuden a alcanzar estos objetivos.<\/span>[\/vc_column_text]<div class=\"vcex-spacing\" style=\"height:30px\"><\/div>[vc_single_image image=\u00bb16654&#8243; alignment=\u00bbcenter\u00bb css=\u00bb\u00bb][\/vc_column][\/vc_row][vc_row full_width=\u00bbstretch_row\u00bb typography_style=\u00bbwhite\u00bb][vc_column][vc_row_inner][vc_column_inner]<h2 class=\"vcex-module vcex-heading vcex-heading-bottom-border-w-color\" style=\"color:#ffffff;border-bottom-color:#d6d6d6;\"><span class=\"vcex-heading-inner clr\" style=\"border-color:#d7515e;\">Plan de mitigaci\u00f3n para la neutralidad clim\u00e1tica<\/span><\/h2><div class=\"vcex-spacing\" style=\"height:30px\"><\/div>[vc_column_text css=\u00bb\u00bb]\n<p class=\"p1\"><span style=\"font-family: 'Open Sans'; font-size: 18px;\">El Plan de mitigaci\u00f3n para la neutralidad clim\u00e1tica es la primera declaraci\u00f3n de sostenibilidad de <strong>GARCIA FAURA<\/strong> seg\u00fan los est\u00e1ndares establecidos por las normas europeas. El Plan parte del c\u00e1lculo de la huella de carbono corporativa actual, a partir del cual la empresa ha establecido una hoja de ruta estructurada para una progresiva descarbonizaci\u00f3n de la actividad.<\/span><\/p>\n<p><span style=\"font-family: 'Open Sans'; font-size: 18px;\">Con esta carta de compromiso, <strong>GARCIA FAURA<\/strong> se fija el objetivo de reducir al menos un 42% las emisiones de gases de efecto invernadero antes de 2030. De esta forma, la empresa se adelanta a la entrada en vigor de la legislaci\u00f3n general, que obligar\u00e1 a las empresas a emprender acciones de mitigaci\u00f3n de los efectos del cambio clim\u00e1tico.<\/span><\/p>\n<p><span style=\"font-family: 'Open Sans'; font-size: 18px;\">La elaboraci\u00f3n de este Plan ha recibido el apoyo del Cup\u00f3n ACCI\u00d3 Green de la Generalitat de Catalunya.<\/span>[\/vc_column_text][\/vc_column_inner][\/vc_row_inner][\/vc_column][vc_column][vc_row_inner][vc_column_inner]<h2 class=\"vcex-module vcex-heading vcex-heading-bottom-border-w-color\" style=\"color:#ffffff;border-bottom-color:#d6d6d6;\"><span class=\"vcex-heading-inner clr\" style=\"border-color:#d7515e;\">Balance ecol\u00f3gico de la actividad econ\u00f3mica<\/span><\/h2><div class=\"vcex-spacing\" style=\"height:30px\"><\/div>[\/vc_column_inner][\/vc_row_inner][vc_column_text css=\u00bb\u00bb]\n<span style=\"font-family: 'Open Sans'; font-size: 18px;\">El balance ecol\u00f3gico de la actividad econ\u00f3mica se fundamenta en un proyecto de econom\u00eda circular a trav\u00e9s del cual <strong>GARCIA FAURA<\/strong> ha podido utilizar la herramienta EcoBalance para evaluar los impactos medioambientales en la entrada del proceso productivo, tanto por el consumo de materias primas como de energ\u00eda, y en la salida, como las emisiones asociadas producidas en el aire o en productos o en productos o en productos.<\/span><\/p>\n<p><span style=\"font-family: 'Open Sans'; font-size: 18px;\">De esta forma, hemos podido identificar los puntos cr\u00edticos que pueden servir para implementar oportunidades de mejora estrat\u00e9gicas que se han estructurado en torno a cuatro ejes: compras sostenibles, gesti\u00f3n de residuos, energ\u00edas renovables y movilidad sostenible.<\/span><\/p>\n<p><span style=\"font-family: 'Open Sans'; font-size: 18px;\">Esta acci\u00f3n ha recibido el apoyo del Proyecto Ecoindustria 2024, en colaboraci\u00f3n con la Diputaci\u00f3n de Barcelona y el Ayuntamiento de Gav\u00e0, entre otros.<\/span>[\/vc_column_text][\/vc_column][\/vc_row][vc_row full_width=\u00bbstretch_row\u00bb css=\u00bb.vc_custom_1761216799384{background-color: #ffffff !important;}\u00bb][vc_column width=\u00bb1\/2&#8243;][vc_single_image image=\u00bb41184&#8243; css_animation=\u00bbbounceIn\u00bb onclick=\u00bbcustom_link\u00bb img_link_target=\u00bb_blank\u00bb css=\u00bb\u00bb link=\u00bbhttps:\/\/ecoindustria.net\/\u00bb][\/vc_column][vc_column width=\u00bb1\/2&#8243;]<div class=\"vcex-spacing\" style=\"height:40px\"><\/div>[vc_single_image image=\u00bb41171&#8243; css_animation=\u00bbbounceIn\u00bb onclick=\u00bbcustom_link\u00bb img_link_target=\u00bb_blank\u00bb css=\u00bb\u00bb link=\u00bbhttps:\/\/www.accio.gencat.cat\/ca\/serveis\/innovacio\/cupons-a-la-innovacio\/index.html#cupons-green\u00bb][\/vc_column][\/vc_row]\n<\/div>","protected":false},"excerpt":{"rendered":"<p>[vc_row full_width=\u00bbstretch_row\u00bb typography_style=\u00bbwhite\u00bb][vc_column][vc_column_text css=\u00bb\u00bb]GARCIA FAURA apuesta por seguir ganando, d\u00eda a d\u00eda, nuevas cotas de sostenibilidad y mejorar la huella ecol\u00f3gica de la empresa. Por este motivo, implementamos acciones de seguimiento y elaboramos planes internos que nos ayuden a alcanzar&hellip;<\/p>\n","protected":false},"author":3,"featured_media":0,"parent":0,"menu_order":0,"comment_status":"closed","ping_status":"closed","template":"","meta":{"footnotes":""},"class_list":["post-41177","page","type-page","status-publish","hentry","entry","no-media"],"yoast_head":"<!-- This site is optimized with the Yoast SEO plugin v26.7 - https:\/\/yoast.com\/wordpress\/plugins\/seo\/ -->\n<title>Sostenibilidad - GARCIA FAURA<\/title>\n<meta name=\"description\" content=\"GARCIA FAURA apuesta por seguir ganando, d\u00eda a d\u00eda, nuevas cotas de sostenibilidad y mejorar la huella ecol\u00f3gica de la empresa. Por este motivo, implementamos acciones de seguimiento y elaboramos planes internos que nos ayuden a alcanzar estos objetivos.\" \/>\n<meta name=\"robots\" content=\"index, follow, max-snippet:-1, max-image-preview:large, max-video-preview:-1\" \/>\n<link rel=\"canonical\" href=\"https:\/\/www.garciafaura.com\/es\/sostenibilidad\/\" \/>\n<meta property=\"og:locale\" content=\"es_ES\" \/>\n<meta property=\"og:type\" content=\"article\" \/>\n<meta property=\"og:title\" content=\"Sostenibilidad - GARCIA FAURA\" \/>\n<meta property=\"og:description\" content=\"GARCIA FAURA apuesta por seguir ganando, d\u00eda a d\u00eda, nuevas cotas de sostenibilidad y mejorar la huella ecol\u00f3gica de la empresa. Por este motivo, implementamos acciones de seguimiento y elaboramos planes internos que nos ayuden a alcanzar estos objetivos.\" \/>\n<meta property=\"og:url\" content=\"https:\/\/www.garciafaura.com\/es\/sostenibilidad\/\" \/>\n<meta property=\"og:site_name\" content=\"GARCIA FAURA\" \/>\n<meta property=\"article:modified_time\" content=\"2025-10-23T11:11:03+00:00\" \/>\n<meta name=\"twitter:card\" content=\"summary_large_image\" \/>\n<meta name=\"twitter:label1\" content=\"Tiempo de lectura\" \/>\n\t<meta name=\"twitter:data1\" content=\"3 minutos\" \/>\n<script type=\"application\/ld+json\" class=\"yoast-schema-graph\">{\"@context\":\"https:\/\/schema.org\",\"@graph\":[{\"@type\":\"WebPage\",\"@id\":\"https:\/\/www.garciafaura.com\/es\/sostenibilidad\/\",\"url\":\"https:\/\/www.garciafaura.com\/es\/sostenibilidad\/\",\"name\":\"Sostenibilidad - GARCIA FAURA\",\"isPartOf\":{\"@id\":\"https:\/\/www.garciafaura.com\/fr\/#website\"},\"datePublished\":\"2025-10-23T11:09:36+00:00\",\"dateModified\":\"2025-10-23T11:11:03+00:00\",\"description\":\"GARCIA FAURA apuesta por seguir ganando, d\u00eda a d\u00eda, nuevas cotas de sostenibilidad y mejorar la huella ecol\u00f3gica de la empresa. Por este motivo, implementamos acciones de seguimiento y elaboramos planes internos que nos ayuden a alcanzar estos objetivos.\",\"breadcrumb\":{\"@id\":\"https:\/\/www.garciafaura.com\/es\/sostenibilidad\/#breadcrumb\"},\"inLanguage\":\"es\",\"potentialAction\":[{\"@type\":\"ReadAction\",\"target\":[\"https:\/\/www.garciafaura.com\/es\/sostenibilidad\/\"]}]},{\"@type\":\"BreadcrumbList\",\"@id\":\"https:\/\/www.garciafaura.com\/es\/sostenibilidad\/#breadcrumb\",\"itemListElement\":[{\"@type\":\"ListItem\",\"position\":1,\"name\":\"Inici\",\"item\":\"https:\/\/www.garciafaura.com\/es\/\"},{\"@type\":\"ListItem\",\"position\":2,\"name\":\"Sostenibilidad\"}]},{\"@type\":\"WebSite\",\"@id\":\"https:\/\/www.garciafaura.com\/fr\/#website\",\"url\":\"https:\/\/www.garciafaura.com\/fr\/\",\"name\":\"GARCIA FAURA\",\"description\":\"Arquitectura en Alumini, Inox, Ferro i Vidre\",\"publisher\":{\"@id\":\"https:\/\/www.garciafaura.com\/fr\/#organization\"},\"potentialAction\":[{\"@type\":\"SearchAction\",\"target\":{\"@type\":\"EntryPoint\",\"urlTemplate\":\"https:\/\/www.garciafaura.com\/fr\/?s={search_term_string}\"},\"query-input\":{\"@type\":\"PropertyValueSpecification\",\"valueRequired\":true,\"valueName\":\"search_term_string\"}}],\"inLanguage\":\"es\"},{\"@type\":\"Organization\",\"@id\":\"https:\/\/www.garciafaura.com\/fr\/#organization\",\"name\":\"GARCIA FAURA\",\"url\":\"https:\/\/www.garciafaura.com\/fr\/\",\"logo\":{\"@type\":\"ImageObject\",\"inLanguage\":\"es\",\"@id\":\"https:\/\/www.garciafaura.com\/fr\/#\/schema\/logo\/image\/\",\"url\":\"https:\/\/www.garciafaura.com\/wp-content\/uploads\/2018\/09\/Garcia-Faura.png\",\"contentUrl\":\"https:\/\/www.garciafaura.com\/wp-content\/uploads\/2018\/09\/Garcia-Faura.png\",\"width\":512,\"height\":512,\"caption\":\"GARCIA FAURA\"},\"image\":{\"@id\":\"https:\/\/www.garciafaura.com\/fr\/#\/schema\/logo\/image\/\"},\"sameAs\":[\"https:\/\/www.youtube.com\/user\/GARCIAFAURA\"]}]}<\/script>\n<!-- \/ Yoast SEO plugin. -->","yoast_head_json":{"title":"Sostenibilidad - GARCIA FAURA","description":"GARCIA FAURA apuesta por seguir ganando, d\u00eda a d\u00eda, nuevas cotas de sostenibilidad y mejorar la huella ecol\u00f3gica de la empresa. Por este motivo, implementamos acciones de seguimiento y elaboramos planes internos que nos ayuden a alcanzar estos objetivos.","robots":{"index":"index","follow":"follow","max-snippet":"max-snippet:-1","max-image-preview":"max-image-preview:large","max-video-preview":"max-video-preview:-1"},"canonical":"https:\/\/www.garciafaura.com\/es\/sostenibilidad\/","og_locale":"es_ES","og_type":"article","og_title":"Sostenibilidad - GARCIA FAURA","og_description":"GARCIA FAURA apuesta por seguir ganando, d\u00eda a d\u00eda, nuevas cotas de sostenibilidad y mejorar la huella ecol\u00f3gica de la empresa. Por este motivo, implementamos acciones de seguimiento y elaboramos planes internos que nos ayuden a alcanzar estos objetivos.","og_url":"https:\/\/www.garciafaura.com\/es\/sostenibilidad\/","og_site_name":"GARCIA FAURA","article_modified_time":"2025-10-23T11:11:03+00:00","twitter_card":"summary_large_image","twitter_misc":{"Tiempo de lectura":"3 minutos"},"schema":{"@context":"https:\/\/schema.org","@graph":[{"@type":"WebPage","@id":"https:\/\/www.garciafaura.com\/es\/sostenibilidad\/","url":"https:\/\/www.garciafaura.com\/es\/sostenibilidad\/","name":"Sostenibilidad - GARCIA FAURA","isPartOf":{"@id":"https:\/\/www.garciafaura.com\/fr\/#website"},"datePublished":"2025-10-23T11:09:36+00:00","dateModified":"2025-10-23T11:11:03+00:00","description":"GARCIA FAURA apuesta por seguir ganando, d\u00eda a d\u00eda, nuevas cotas de sostenibilidad y mejorar la huella ecol\u00f3gica de la empresa. Por este motivo, implementamos acciones de seguimiento y elaboramos planes internos que nos ayuden a alcanzar estos objetivos.","breadcrumb":{"@id":"https:\/\/www.garciafaura.com\/es\/sostenibilidad\/#breadcrumb"},"inLanguage":"es","potentialAction":[{"@type":"ReadAction","target":["https:\/\/www.garciafaura.com\/es\/sostenibilidad\/"]}]},{"@type":"BreadcrumbList","@id":"https:\/\/www.garciafaura.com\/es\/sostenibilidad\/#breadcrumb","itemListElement":[{"@type":"ListItem","position":1,"name":"Inici","item":"https:\/\/www.garciafaura.com\/es\/"},{"@type":"ListItem","position":2,"name":"Sostenibilidad"}]},{"@type":"WebSite","@id":"https:\/\/www.garciafaura.com\/fr\/#website","url":"https:\/\/www.garciafaura.com\/fr\/","name":"GARCIA FAURA","description":"Arquitectura en Alumini, Inox, Ferro i Vidre","publisher":{"@id":"https:\/\/www.garciafaura.com\/fr\/#organization"},"potentialAction":[{"@type":"SearchAction","target":{"@type":"EntryPoint","urlTemplate":"https:\/\/www.garciafaura.com\/fr\/?s={search_term_string}"},"query-input":{"@type":"PropertyValueSpecification","valueRequired":true,"valueName":"search_term_string"}}],"inLanguage":"es"},{"@type":"Organization","@id":"https:\/\/www.garciafaura.com\/fr\/#organization","name":"GARCIA FAURA","url":"https:\/\/www.garciafaura.com\/fr\/","logo":{"@type":"ImageObject","inLanguage":"es","@id":"https:\/\/www.garciafaura.com\/fr\/#\/schema\/logo\/image\/","url":"https:\/\/www.garciafaura.com\/wp-content\/uploads\/2018\/09\/Garcia-Faura.png","contentUrl":"https:\/\/www.garciafaura.com\/wp-content\/uploads\/2018\/09\/Garcia-Faura.png","width":512,"height":512,"caption":"GARCIA FAURA"},"image":{"@id":"https:\/\/www.garciafaura.com\/fr\/#\/schema\/logo\/image\/"},"sameAs":["https:\/\/www.youtube.com\/user\/GARCIAFAURA"]}]}},"_links":{"self":[{"href":"https:\/\/www.garciafaura.com\/es\/wp-json\/wp\/v2\/pages\/41177","targetHints":{"allow":["GET"]}}],"collection":[{"href":"https:\/\/www.garciafaura.com\/es\/wp-json\/wp\/v2\/pages"}],"about":[{"href":"https:\/\/www.garciafaura.com\/es\/wp-json\/wp\/v2\/types\/page"}],"author":[{"embeddable":true,"href":"https:\/\/www.garciafaura.com\/es\/wp-json\/wp\/v2\/users\/3"}],"replies":[{"embeddable":true,"href":"https:\/\/www.garciafaura.com\/es\/wp-json\/wp\/v2\/comments?post=41177"}],"version-history":[{"count":6,"href":"https:\/\/www.garciafaura.com\/es\/wp-json\/wp\/v2\/pages\/41177\/revisions"}],"predecessor-version":[{"id":41189,"href":"https:\/\/www.garciafaura.com\/es\/wp-json\/wp\/v2\/pages\/41177\/revisions\/41189"}],"wp:attachment":[{"href":"https:\/\/www.garciafaura.com\/es\/wp-json\/wp\/v2\/media?parent=41177"}],"curies":[{"name":"wp","href":"https:\/\/api.w.org\/{rel}","templated":true}]}}