{"id":31903,"date":"2023-04-03T12:56:34","date_gmt":"2023-04-03T10:56:34","guid":{"rendered":"https:\/\/www.garciafaura.com\/?page_id=31903"},"modified":"2024-03-08T17:16:24","modified_gmt":"2024-03-08T15:16:24","slug":"politica-de-redes-sociales","status":"publish","type":"page","link":"https:\/\/www.garciafaura.com\/es\/politica-de-redes-sociales\/","title":{"rendered":"Pol\u00edtica de Redes sociales"},"content":{"rendered":"<div class=\"wpb-content-wrapper\">[vc_row][vc_column][vc_column_text]\n<h3><span style=\"font-family: 'Open Sans'; font-size: 18px;\"><strong>1. IINFORMACI\u00d3N PARA LA PERSONA USUARIA<\/strong><\/span><\/h3>\n<p class=\"p2\"><strong><span style=\"font-family: 'Open Sans'; font-size: 16px;\">\u00bfQui\u00e9n es el responsable del tratamiento de sus datos personales?<\/span><\/strong><\/p>\n<p class=\"p1\"><span style=\"font-family: 'Open Sans'; font-size: 16px;\">GARCIA FAURA, S.L. ser\u00e1 el responsable del tratamiento de los datos personales de aquellas PERSONAS que han\u00a0procedido a crear un perfil en cualquiera de sus redes sociales, y los mismos ser\u00e1n tratados de conformidad con\u00a0lo dispuesto en el Reglamento (UE) 2016\/679, de 27 de abril (GDPR), la Ley Org\u00e1nica 3\/2018, de 5 de diciembre\u00a0(LOPDGDD), y la Ley de Servicios de la Sociedad de la Informaci\u00f3n y Comercio Electr\u00f3nico (LSSI), facilitando la\u00a0siguiente informaci\u00f3n del tratamiento:<\/span><\/p>\n<p class=\"p2\"><span style=\"font-family: 'Open Sans'; font-size: 16px;\"><strong>\u00bfPara qu\u00e9 tratamos sus datos personales?<\/strong><\/span><\/p>\n<p class=\"p1\"><span style=\"font-family: 'Open Sans'; font-size: 16px;\">Finalidad del tratamiento: para mantener una relaci\u00f3n entre la PERSONA USUARIA y GARCIA FAURA, S.L. (en\u00a0<\/span><span style=\"font-family: 'Open Sans'; font-size: 16px;\">adelante el RESPONSABLE) que puede incluir las siguientes operaciones:<\/span><\/p>\n<ul>\n<li class=\"p1\"><span style=\"font-family: 'Open Sans'; font-size: 16px;\">Tramitar solicitudes y consultas planteadas al responsable<\/span><\/li>\n<li class=\"p1\"><span style=\"font-family: 'Open Sans'; font-size: 16px;\">Informar sobre actividades y eventos organizados por el responsable<\/span><\/li>\n<li class=\"p1\"><span style=\"font-family: 'Open Sans'; font-size: 16px;\">Informar sobre productos o servicios ofrecidos por el responsable<\/span><\/li>\n<li class=\"p1\"><span style=\"font-family: 'Open Sans'; font-size: 16px;\">Interactuar a trav\u00e9s de los perfiles oficiales<\/span><\/li>\n<\/ul>\n<p class=\"p1\"><span style=\"font-family: 'Open Sans'; font-size: 16px;\">Cuando el RESPONSABLE recopile y trate datos personales a trav\u00e9s de sus redes sociales, las PERSONAS\u00a0<\/span><span style=\"font-family: 'Open Sans'; font-size: 16px;\">USUARIAS ser\u00e1n informadas sobre la finalidad de la recopilaci\u00f3n de datos, as\u00ed como sobre sus derechos en\u00a0<\/span><span style=\"font-family: 'Open Sans'; font-size: 16px;\">relaci\u00f3n a sus datos personales. Los datos personales se utilizar\u00e1n \u00fanicamente para los fines indicados y se\u00a0<\/span><span style=\"font-family: 'Open Sans'; font-size: 16px;\">mantendr\u00e1n de manera segura.<\/span><\/p>\n<p class=\"p1\"><span style=\"font-family: 'Open Sans'; font-size: 16px;\"><span style=\"text-decoration: underline;\">Base Jur\u00eddica del Tratamiento:<\/span> el consentimiento expl\u00edcito otorgado por la PERSONA USUARIA para el\u00a0<\/span><span style=\"font-family: 'Open Sans'; font-size: 16px;\">tratamiento de sus datos personales para uno o varios fines espec\u00edficos (art\u00edculo 6.1.a GDPR).<\/span><\/p>\n<p class=\"p1\"><span style=\"font-family: 'Open Sans'; font-size: 16px;\">Por otro lado, la PERSONA USUARIA puede acceder en todo momento a las pol\u00edticas de privacidad de la propia\u00a0<\/span><span style=\"font-family: 'Open Sans'; font-size: 16px;\">red social, as\u00ed como configurar su perfil para garantizar su privacidad.<\/span><\/p>\n<p class=\"p2\"><strong><span style=\"font-family: 'Open Sans'; font-size: 16px;\">\u00bfDurante cu\u00e1nto tiempo guardaremos sus datos personales?<\/span><\/strong><\/p>\n<p class=\"p1\"><span style=\"font-family: 'Open Sans'; font-size: 16px;\"><span style=\"text-decoration: underline;\">Criterios de conservaci\u00f3n de los dato<\/span>s: se conservar\u00e1n mientras la PERSONA USUARIA no revoque el\u00a0<\/span><span style=\"font-family: 'Open Sans'; font-size: 16px;\">consentimiento prestado tal y como se indica en esta pol\u00edtica de privacidad.<\/span><\/p>\n<p class=\"p2\"><strong><span style=\"font-family: 'Open Sans'; font-size: 16px;\">\u00bfA qui\u00e9n facilitamos sus datos personales?<\/span><\/strong><\/p>\n<p class=\"p1\"><span style=\"font-family: 'Open Sans'; font-size: 16px;\"><span style=\"text-decoration: underline;\">Comunicaci\u00f3n de los datos:<\/span> la informaci\u00f3n facilitada por la PERSONA USUARIA a trav\u00e9s de las redes sociales del\u00a0<\/span><span style=\"font-family: 'Open Sans'; font-size: 16px;\">RESPONSABLE, incluidos sus datos personales, puede ser publicada, siempre en funci\u00f3n de los servicios que la\u00a0<\/span><span style=\"font-family: 'Open Sans'; font-size: 16px;\">PERSONA USUARIA utilice, por lo que podr\u00e1 quedar a disposici\u00f3n p\u00fablica de otros terceros usuarios de las redes\u00a0<\/span><span style=\"font-family: 'Open Sans'; font-size: 16px;\">sociales. Desde el perfil de cada red social, la PERSONA USUARIA puede configurar qu\u00e9 informaci\u00f3n quiere hacer\u00a0<\/span><span style=\"font-family: 'Open Sans'; font-size: 16px;\">p\u00fablica en cada caso, ver los permisos que se han concedido, eliminarlos o desactivarlos, como cualquier\u00a0<\/span><span style=\"font-family: 'Open Sans'; font-size: 16px;\">aplicaci\u00f3n de un tercero que ya no se desea utilizar.<\/span><\/p>\n<p class=\"p1\"><span style=\"font-family: 'Open Sans'; font-size: 16px;\">No obstante, no est\u00e1 prevista ninguna comunicaci\u00f3n de datos personales a terceros fuera de la red social salvo,\u00a0<\/span><span style=\"font-family: 'Open Sans'; font-size: 16px;\">si fuese imprescindible para el desarrollo y ejecuci\u00f3n de las finalidades del tratamiento, a nuestros proveedores\u00a0<\/span><span style=\"font-family: 'Open Sans'; font-size: 16px;\">de servicios relacionados con comunicaciones, con los cuales el RESPONSABLE tiene suscritos los contratos de\u00a0<\/span><span style=\"font-family: 'Open Sans'; font-size: 16px;\">confidencialidad y de encargado de tratamiento exigidos por la normativa vigente de privacidad.<\/span><\/p>\n<p class=\"p1\"><strong><span style=\"font-family: 'Open Sans'; font-size: 16px;\">\u00bfCu\u00e1les son sus derechos?<\/span><\/strong><\/p>\n<p class=\"p2\"><span style=\"font-family: 'Open Sans'; font-size: 16px;\"><span style=\"text-decoration: underline;\">Derechos que asisten a la PERSONA USUARIA:<\/span> solo podr\u00e1n satisfacerse en relaci\u00f3n a aquella informaci\u00f3n que se\u00a0<\/span><span style=\"font-family: 'Open Sans'; font-size: 16px;\">encuentre bajo el control del RESPONSABLE.<\/span><\/p>\n<ul>\n<li class=\"p2\"><span style=\"font-family: 'Open Sans'; font-size: 16px;\">Derecho a retirar el consentimiento en cualquier momento.<\/span><\/li>\n<li class=\"p2\"><span style=\"font-family: 'Open Sans'; font-size: 16px;\">Derecho de acceso, rectificaci\u00f3n, portabilidad y supresi\u00f3n de sus datos, y de limitaci\u00f3n u oposici\u00f3n a su\u00a0<\/span><span style=\"font-family: 'Open Sans'; font-size: 16px;\">tratamiento.<\/span><\/li>\n<li class=\"p2\"><span style=\"font-family: 'Open Sans'; font-size: 16px;\">Derecho a presentar una reclamaci\u00f3n ante la autoridad de control (www.aepd.es) si considera que el\u00a0<\/span><span style=\"font-family: 'Open Sans'; font-size: 16px;\">tratamiento no se ajusta a la normativa vigente.<\/span><\/li>\n<\/ul>\n<p class=\"p2\"><strong><span style=\"font-family: 'Open Sans'; font-size: 16px;\">Datos de contacto para ejercer sus derechos:<\/span><\/strong><\/p>\n<p class=\"p2\"><span style=\"font-family: 'Open Sans'; font-size: 16px;\">GARCIA FAURA, S.L. C\/ Raurell, 37 &#8211; 08850 Gav\u00e0 (Barcelona). E-mail: <a href=\"mailto:info@garciafaura.com\">info@garciafaura.com<\/a><\/span><\/p>\n<p class=\"p2\"><span style=\"font-family: 'Open Sans'; font-size: 16px;\">La pol\u00edtica de privacidad completa se encuentra disponible en garciafaura.com<\/span><\/p>\n<h3 class=\"p2\"><span style=\"font-family: 'Open Sans'; font-size: 16px;\">2. UTILIZACI\u00d3N DEL PERFIL<\/span><\/h3>\n<p class=\"p2\"><span style=\"font-family: 'Open Sans'; font-size: 16px;\">El RESPONSABLE realizar\u00e1 las siguientes actuaciones:<\/span><\/p>\n<ul>\n<li class=\"p2\"><span style=\"font-family: 'Open Sans'; font-size: 16px;\">Acceso a la informaci\u00f3n p\u00fablica del perfil.<\/span><\/li>\n<li class=\"p2\"><span style=\"font-family: 'Open Sans'; font-size: 16px;\">Publicaci\u00f3n en el perfil de la PERSONA USUARIA de toda aquella informaci\u00f3n ya publicada en la red social\u00a0<\/span><span style=\"font-family: 'Open Sans'; font-size: 16px;\">del RESPONSABLE.<\/span><\/li>\n<li class=\"p2\"><span style=\"font-family: 'Open Sans'; font-size: 16px;\">Enviar mensajes personales e individuales a trav\u00e9s de los canales de la red social.<\/span><\/li>\n<li class=\"p2\"><span style=\"font-family: 'Open Sans'; font-size: 16px;\">Actualizaciones del estado de la p\u00e1gina que se publicar\u00e1n en el perfil de la PERSONA USUARIA.<\/span><\/li>\n<\/ul>\n<p class=\"p2\"><span style=\"font-family: 'Open Sans'; font-size: 16px;\">La PERSONA USUARIA siempre puede controlar sus conexiones, eliminar los contenidos que dejen de interesarle\u00a0<\/span><span style=\"font-family: 'Open Sans'; font-size: 16px;\">y restringir con qui\u00e9n comparte sus conexiones; para ello deber\u00e1 acceder a su configuraci\u00f3n donde encontrar\u00e1\u00a0<\/span><span style=\"font-family: 'Open Sans'; font-size: 16px;\">diferentes posibilidades de configuraci\u00f3n en relaci\u00f3n al grado de privacidad del perfil de usuario en la red social.<\/span><\/p>\n<h3 class=\"p2\"><span style=\"font-family: 'Open Sans'; font-size: 16px;\">3. PUBLICACIONES<\/span><\/h3>\n<p class=\"p2\"><span style=\"font-family: 'Open Sans'; font-size: 16px;\">El objeto de las redes sociales, es dar visibilidad y difusi\u00f3n a las actividades que desarrolla el RESPONSABLE. Estas\u00a0<\/span><span style=\"font-family: 'Open Sans'; font-size: 16px;\">herramientas almacenan datos personales en los servidores de los servicios respectivos y se rigen por su propia\u00a0<\/span><span style=\"font-family: 'Open Sans'; font-size: 16px;\">pol\u00edtica de privacidad.<\/span><\/p>\n<p class=\"p2\"><span style=\"font-family: 'Open Sans'; font-size: 16px;\">La PERSONA USUARIA, una vez sea seguidora o se haya unido a la red social del RESPONSABLE, podr\u00e1 publicar en\u00a0<\/span><span style=\"font-family: 'Open Sans'; font-size: 16px;\">la misma, comentarios, enlaces, im\u00e1genes, fotograf\u00edas o cualquier otro tipo de contenido multimedia soportado\u00a0<\/span><span style=\"font-family: 'Open Sans'; font-size: 16px;\">por la misma. La PERSONA USUARIA en todos los casos, debe ser la titular del contenido publicado, gozar de los\u00a0<\/span><span style=\"font-family: 'Open Sans'; font-size: 16px;\">derechos de autor y de propiedad intelectual o contar con el consentimiento de los terceros afectados.<\/span><\/p>\n<p class=\"p2\"><span style=\"font-family: 'Open Sans'; font-size: 16px;\">Se proh\u00edbe expresamente cualquier publicaci\u00f3n en la red social, ya sean textos, gr\u00e1ficos, fotograf\u00edas, v\u00eddeos, etc.\u00a0<\/span><span style=\"font-family: 'Open Sans'; font-size: 16px;\">que atenten o sean susceptibles de atentar contra la moral, la \u00e9tica, el buen gusto o el decoro, y\/o que infrinjan,\u00a0<\/span><span style=\"font-family: 'Open Sans'; font-size: 16px;\">violen o quebranten los derechos de propiedad intelectual o industrial, el derecho a la imagen o la Ley. No se\u00a0<\/span><span style=\"font-family: 'Open Sans'; font-size: 16px;\">tolerar\u00e1n comentarios o contenido ofensivo, difamatorio, ilegal o inapropiado en los perfiles de la empresa. La\u00a0<\/span><span style=\"font-family: 'Open Sans'; font-size: 16px;\">Empresa se reserva el derecho de eliminar dichos comentarios o contenido y bloquear a los usuarios\u00a0<\/span><span style=\"font-family: 'Open Sans'; font-size: 16px;\">responsables.<\/span><\/p>\n<p class=\"p1\"><span style=\"font-family: 'Open Sans'; font-size: 16px;\">En estos casos, el RESPONSABLE se reserva el derecho a retirar de inmediato el contenido, sin comunicaci\u00f3n\u00a0<\/span><span style=\"font-family: 'Open Sans'; font-size: 16px;\">previa, pudiendo solicitar el bloqueo permanente de la PERSONA USUARIA.<\/span><\/p>\n<p class=\"p1\"><span style=\"font-family: 'Open Sans'; font-size: 16px;\">El RESPONSABLE no se har\u00e1 responsable de los contenidos que libremente ha publicado la PERSONA USUARIA.<\/span><\/p>\n<p class=\"p1\"><span style=\"font-family: 'Open Sans'; font-size: 16px;\">La PERSONA USUARIA debe tener presente que sus publicaciones ser\u00e1n conocidas por otros usuarios, por lo que\u00a0<\/span><span style=\"font-family: 'Open Sans'; font-size: 16px;\">\u00e9l mismo es el principal responsable de su privacidad.<\/span><\/p>\n<p class=\"p1\"><span style=\"font-family: 'Open Sans'; font-size: 16px;\">Las im\u00e1genes que puedan publicarse en la red social no ser\u00e1n almacenadas en ning\u00fan fichero por parte del\u00a0<\/span><span style=\"font-family: 'Open Sans'; font-size: 16px;\">RESPONSABLE, pero s\u00ed que permanecer\u00e1n en la red social.<\/span><\/p>\n<h3 class=\"p1\"><span style=\"font-family: 'Open Sans'; font-size: 16px;\">4. DATOS DE MENORES DE EDAD O PERSONAS CON CAPACIDADES ESPECIALES<\/span><\/h3>\n<p class=\"p1\"><span style=\"font-family: 'Open Sans'; font-size: 16px;\">Se recomienda la revisi\u00f3n y la lectura de las condiciones de uso y pol\u00edtica de privacidad de cada red social en el\u00a0<\/span><span style=\"font-family: 'Open Sans'; font-size: 16px;\">momento de registro, teniendo en cuenta los diferentes requisitos de edad para la realizaci\u00f3n del mismo.<\/span><\/p>\n<p class=\"p1\"><span style=\"font-family: 'Open Sans'; font-size: 16px;\">Asimismo, el RESPONSABLE quedar\u00e1 expresamente exonerado de cualquier responsabilidad que pudiera\u00a0<\/span><span style=\"font-family: 'Open Sans'; font-size: 16px;\">derivarse del uso de las redes sociales por parte de menores o personas con capacidades especiales y cuyo\u00a0<\/span><span style=\"font-family: 'Open Sans'; font-size: 16px;\">acceso deber\u00eda realizarse bajo la supervisi\u00f3n y control de sus representantes legales.<\/span><\/p>\n<p class=\"p1\"><span style=\"font-family: 'Open Sans'; font-size: 16px;\">El RESPONSABLE se reserva el derecho de modificar esta pol\u00edtica en cualquier momento. Los cambios ser\u00e1n\u00a0<\/span><span style=\"font-family: 'Open Sans'; font-size: 16px;\">comunicados a trav\u00e9s de nuestros perfiles de redes sociales y\/o nuestro sitio web.<\/span><\/p>\n<\/div>","protected":false},"excerpt":{"rendered":"<p>[vc_row][vc_column][vc_column_text] 1. IINFORMACI\u00d3N PARA LA PERSONA USUARIA \u00bfQui\u00e9n es el responsable del tratamiento de sus datos personales? GARCIA FAURA, S.L. ser\u00e1 el responsable del tratamiento de los datos personales de aquellas PERSONAS que han\u00a0procedido a crear un perfil en cualquiera&hellip;<\/p>\n","protected":false},"author":3,"featured_media":0,"parent":0,"menu_order":0,"comment_status":"closed","ping_status":"closed","template":"","meta":{"footnotes":""},"class_list":["post-31903","page","type-page","status-publish","hentry","entry","no-media"],"yoast_head":"<!-- This site is optimized with the Yoast SEO plugin v26.7 - https:\/\/yoast.com\/wordpress\/plugins\/seo\/ -->\n<title>Pol\u00edtica de Redes sociales - GARCIA FAURA<\/title>\n<meta name=\"description\" content=\"Arquitectura en Alumini, Inox, Ferro i Vidre\" \/>\n<meta name=\"robots\" content=\"index, follow, max-snippet:-1, max-image-preview:large, max-video-preview:-1\" \/>\n<link rel=\"canonical\" href=\"https:\/\/www.garciafaura.com\/es\/politica-de-redes-sociales\/\" \/>\n<meta property=\"og:locale\" content=\"es_ES\" \/>\n<meta property=\"og:type\" content=\"article\" \/>\n<meta property=\"og:title\" content=\"Pol\u00edtica de Redes sociales - GARCIA FAURA\" \/>\n<meta property=\"og:description\" content=\"Arquitectura en Alumini, Inox, Ferro i Vidre\" \/>\n<meta property=\"og:url\" content=\"https:\/\/www.garciafaura.com\/es\/politica-de-redes-sociales\/\" \/>\n<meta property=\"og:site_name\" content=\"GARCIA FAURA\" \/>\n<meta property=\"article:modified_time\" content=\"2024-03-08T15:16:24+00:00\" \/>\n<meta name=\"twitter:card\" content=\"summary_large_image\" \/>\n<meta name=\"twitter:label1\" content=\"Tiempo de lectura\" \/>\n\t<meta name=\"twitter:data1\" content=\"7 minutos\" \/>\n<script type=\"application\/ld+json\" class=\"yoast-schema-graph\">{\"@context\":\"https:\/\/schema.org\",\"@graph\":[{\"@type\":\"WebPage\",\"@id\":\"https:\/\/www.garciafaura.com\/es\/politica-de-redes-sociales\/\",\"url\":\"https:\/\/www.garciafaura.com\/es\/politica-de-redes-sociales\/\",\"name\":\"Pol\u00edtica de Redes sociales - GARCIA FAURA\",\"isPartOf\":{\"@id\":\"https:\/\/www.garciafaura.com\/fr\/#website\"},\"datePublished\":\"2023-04-03T10:56:34+00:00\",\"dateModified\":\"2024-03-08T15:16:24+00:00\",\"description\":\"Arquitectura en Alumini, Inox, Ferro i Vidre\",\"breadcrumb\":{\"@id\":\"https:\/\/www.garciafaura.com\/es\/politica-de-redes-sociales\/#breadcrumb\"},\"inLanguage\":\"es\",\"potentialAction\":[{\"@type\":\"ReadAction\",\"target\":[\"https:\/\/www.garciafaura.com\/es\/politica-de-redes-sociales\/\"]}]},{\"@type\":\"BreadcrumbList\",\"@id\":\"https:\/\/www.garciafaura.com\/es\/politica-de-redes-sociales\/#breadcrumb\",\"itemListElement\":[{\"@type\":\"ListItem\",\"position\":1,\"name\":\"Inici\",\"item\":\"https:\/\/www.garciafaura.com\/es\/\"},{\"@type\":\"ListItem\",\"position\":2,\"name\":\"Pol\u00edtica de Redes sociales\"}]},{\"@type\":\"WebSite\",\"@id\":\"https:\/\/www.garciafaura.com\/fr\/#website\",\"url\":\"https:\/\/www.garciafaura.com\/fr\/\",\"name\":\"GARCIA FAURA\",\"description\":\"Arquitectura en Alumini, Inox, Ferro i Vidre\",\"publisher\":{\"@id\":\"https:\/\/www.garciafaura.com\/fr\/#organization\"},\"potentialAction\":[{\"@type\":\"SearchAction\",\"target\":{\"@type\":\"EntryPoint\",\"urlTemplate\":\"https:\/\/www.garciafaura.com\/fr\/?s={search_term_string}\"},\"query-input\":{\"@type\":\"PropertyValueSpecification\",\"valueRequired\":true,\"valueName\":\"search_term_string\"}}],\"inLanguage\":\"es\"},{\"@type\":\"Organization\",\"@id\":\"https:\/\/www.garciafaura.com\/fr\/#organization\",\"name\":\"GARCIA FAURA\",\"url\":\"https:\/\/www.garciafaura.com\/fr\/\",\"logo\":{\"@type\":\"ImageObject\",\"inLanguage\":\"es\",\"@id\":\"https:\/\/www.garciafaura.com\/fr\/#\/schema\/logo\/image\/\",\"url\":\"https:\/\/www.garciafaura.com\/wp-content\/uploads\/2018\/09\/Garcia-Faura.png\",\"contentUrl\":\"https:\/\/www.garciafaura.com\/wp-content\/uploads\/2018\/09\/Garcia-Faura.png\",\"width\":512,\"height\":512,\"caption\":\"GARCIA FAURA\"},\"image\":{\"@id\":\"https:\/\/www.garciafaura.com\/fr\/#\/schema\/logo\/image\/\"},\"sameAs\":[\"https:\/\/www.youtube.com\/user\/GARCIAFAURA\"]}]}<\/script>\n<!-- \/ Yoast SEO plugin. -->","yoast_head_json":{"title":"Pol\u00edtica de Redes sociales - GARCIA FAURA","description":"Arquitectura en Alumini, Inox, Ferro i Vidre","robots":{"index":"index","follow":"follow","max-snippet":"max-snippet:-1","max-image-preview":"max-image-preview:large","max-video-preview":"max-video-preview:-1"},"canonical":"https:\/\/www.garciafaura.com\/es\/politica-de-redes-sociales\/","og_locale":"es_ES","og_type":"article","og_title":"Pol\u00edtica de Redes sociales - GARCIA FAURA","og_description":"Arquitectura en Alumini, Inox, Ferro i Vidre","og_url":"https:\/\/www.garciafaura.com\/es\/politica-de-redes-sociales\/","og_site_name":"GARCIA FAURA","article_modified_time":"2024-03-08T15:16:24+00:00","twitter_card":"summary_large_image","twitter_misc":{"Tiempo de lectura":"7 minutos"},"schema":{"@context":"https:\/\/schema.org","@graph":[{"@type":"WebPage","@id":"https:\/\/www.garciafaura.com\/es\/politica-de-redes-sociales\/","url":"https:\/\/www.garciafaura.com\/es\/politica-de-redes-sociales\/","name":"Pol\u00edtica de Redes sociales - GARCIA FAURA","isPartOf":{"@id":"https:\/\/www.garciafaura.com\/fr\/#website"},"datePublished":"2023-04-03T10:56:34+00:00","dateModified":"2024-03-08T15:16:24+00:00","description":"Arquitectura en Alumini, Inox, Ferro i Vidre","breadcrumb":{"@id":"https:\/\/www.garciafaura.com\/es\/politica-de-redes-sociales\/#breadcrumb"},"inLanguage":"es","potentialAction":[{"@type":"ReadAction","target":["https:\/\/www.garciafaura.com\/es\/politica-de-redes-sociales\/"]}]},{"@type":"BreadcrumbList","@id":"https:\/\/www.garciafaura.com\/es\/politica-de-redes-sociales\/#breadcrumb","itemListElement":[{"@type":"ListItem","position":1,"name":"Inici","item":"https:\/\/www.garciafaura.com\/es\/"},{"@type":"ListItem","position":2,"name":"Pol\u00edtica de Redes sociales"}]},{"@type":"WebSite","@id":"https:\/\/www.garciafaura.com\/fr\/#website","url":"https:\/\/www.garciafaura.com\/fr\/","name":"GARCIA FAURA","description":"Arquitectura en Alumini, Inox, Ferro i Vidre","publisher":{"@id":"https:\/\/www.garciafaura.com\/fr\/#organization"},"potentialAction":[{"@type":"SearchAction","target":{"@type":"EntryPoint","urlTemplate":"https:\/\/www.garciafaura.com\/fr\/?s={search_term_string}"},"query-input":{"@type":"PropertyValueSpecification","valueRequired":true,"valueName":"search_term_string"}}],"inLanguage":"es"},{"@type":"Organization","@id":"https:\/\/www.garciafaura.com\/fr\/#organization","name":"GARCIA FAURA","url":"https:\/\/www.garciafaura.com\/fr\/","logo":{"@type":"ImageObject","inLanguage":"es","@id":"https:\/\/www.garciafaura.com\/fr\/#\/schema\/logo\/image\/","url":"https:\/\/www.garciafaura.com\/wp-content\/uploads\/2018\/09\/Garcia-Faura.png","contentUrl":"https:\/\/www.garciafaura.com\/wp-content\/uploads\/2018\/09\/Garcia-Faura.png","width":512,"height":512,"caption":"GARCIA FAURA"},"image":{"@id":"https:\/\/www.garciafaura.com\/fr\/#\/schema\/logo\/image\/"},"sameAs":["https:\/\/www.youtube.com\/user\/GARCIAFAURA"]}]}},"_links":{"self":[{"href":"https:\/\/www.garciafaura.com\/es\/wp-json\/wp\/v2\/pages\/31903","targetHints":{"allow":["GET"]}}],"collection":[{"href":"https:\/\/www.garciafaura.com\/es\/wp-json\/wp\/v2\/pages"}],"about":[{"href":"https:\/\/www.garciafaura.com\/es\/wp-json\/wp\/v2\/types\/page"}],"author":[{"embeddable":true,"href":"https:\/\/www.garciafaura.com\/es\/wp-json\/wp\/v2\/users\/3"}],"replies":[{"embeddable":true,"href":"https:\/\/www.garciafaura.com\/es\/wp-json\/wp\/v2\/comments?post=31903"}],"version-history":[{"count":5,"href":"https:\/\/www.garciafaura.com\/es\/wp-json\/wp\/v2\/pages\/31903\/revisions"}],"predecessor-version":[{"id":35562,"href":"https:\/\/www.garciafaura.com\/es\/wp-json\/wp\/v2\/pages\/31903\/revisions\/35562"}],"wp:attachment":[{"href":"https:\/\/www.garciafaura.com\/es\/wp-json\/wp\/v2\/media?parent=31903"}],"curies":[{"name":"wp","href":"https:\/\/api.w.org\/{rel}","templated":true}]}}