{"id":29333,"date":"2022-04-19T19:12:39","date_gmt":"2022-04-19T17:12:39","guid":{"rendered":"https:\/\/www.garciafaura.com\/?page_id=29333"},"modified":"2022-04-19T19:31:34","modified_gmt":"2022-04-19T17:31:34","slug":"mantenimientos","status":"publish","type":"page","link":"https:\/\/www.garciafaura.com\/es\/mantenimientos\/","title":{"rendered":"Divisi\u00f3n de Mantenimientos"},"content":{"rendered":"<div class=\"wpb-content-wrapper\">[vc_row full_width=\u00bbstretch_row\u00bb content_placement=\u00bbmiddle\u00bb typography_style=\u00bbwhite\u00bb wpex_bg_overlay=\u00bbcolor\u00bb wpex_bg_overlay_color=\u00bb#d9d9d9&#8243; wpex_bg_overlay_opacity=\u00bb0.85&#8243;][vc_column width=\u00bb1\/2&#8243;]<div class=\"vcex-spacing\" style=\"height:30px\"><\/div>[vc_column_text]<span style=\"font-family: 'Open Sans'; font-size: 18px; color: #000000;\">GARCIA FAURA dispone de una Divisi\u00f3n propia y especializada en el mantenimiento de fachadas y cerramientos para todo tipo de edificios tanto del sector privado como p\u00fablico.<\/span><\/p>\n<p><span style=\"font-family: 'Open Sans'; font-size: 18px; color: #000000;\">Somos especialistas en el mantenimiento de hoteles, edificios de oficinas y servicios con un doble objetivo: garantizar el correcto funcionamiento de los elementos existentes y elaborar diagnosis para mejorar su eficiencia t\u00e9cnica y energ\u00e9tica.<\/span>[\/vc_column_text][\/vc_column][vc_column width=\u00bb1\/2&#8243;]<div class=\"vcex-spacing\" style=\"height:30px\"><\/div><h2 class=\"vcex-module vcex-heading vcex-heading-bottom-border-w-color\" style=\"color:#000000;\"><span class=\"vcex-heading-inner clr\" style=\"border-color:#d7515e;\">Cuidando el presente y garantizando el futuro<\/span><\/h2><div class=\"vcex-spacing\" style=\"height:15px\"><\/div>[vc_column_text]\n<ul>\n<li><span style=\"font-family: 'Open Sans'; font-size: 18px; color: #000000;\">Estudiamos las mejores opciones para mejorar el ahorro energ\u00e9tico de los edificios en los que intervenimos.<\/span><\/li>\n<li><span style=\"font-family: 'Open Sans'; font-size: 18px; color: #000000;\">Modificamos, reparamos o sustituimos cierres fabricados o instalados por terceros.<\/span><\/li>\n<li><span style=\"font-family: 'Open Sans'; font-size: 18px; color: #000000;\">Contamos con un equipo tecnificado y formado en las principales perfiler\u00edas del mercado.<\/span><\/li>\n<li><span style=\"font-family: 'Open Sans'; font-size: 18px; color: #000000;\">Acumulamos la experiencia de una compa\u00f1\u00eda de larga trayectoria y de principal referencia en el sector.<\/span><\/li>\n<\/ul>\n[\/vc_column_text][\/vc_column][\/vc_row][vc_row full_width=\u00bbstretch_row\u00bb css=\u00bb.vc_custom_1650389137757{background-color: #000000 !important;}\u00bb][vc_column]<div class=\"vcex-spacing\" style=\"height:30px\"><\/div><div class=\"vcex-module vcex-portfolio-grid-wrap wpex-clr\"><div class=\"wpex-row vcex-portfolio-grid wpex-clr entries vcex-isotope-grid vcex-no-margin-grid\"><div class=\"portfolio-entry vcex-grid-item entry-has-details span_1_of_3 col col-1 vcex-isotope-entry vcex-no-margin-entry post-19746 entry type-portfolio has-media cat-53 cat-54 cat-118 cat-119 cat-58 cat-59 translation_priority-6\"><div class=\"portfolio-entry-inner entry-inner wpex-clr\"><div class=\"portfolio-entry-media entry-media wpex-clr\"><a href=\"https:\/\/www.garciafaura.com\/es\/portfolio-item\/hotel-barcelo-diagonal-414\/\" title=\"Hotel Barcel\u00f3 Occidental Diagonal 414\" class=\"portfolio-entry-media-link\"><img loading=\"lazy\" decoding=\"async\" data-no-lazy=\"1\" class=\"portfolio-entry-img skip-lazy\" src=\"https:\/\/www.garciafaura.com\/wp-content\/uploads\/2019\/04\/Hotel-Barcelo\u0301-Occidental-Diagonal-414-01-600x314.jpg\" alt='' data-no-retina width=\"600\" height=\"314\" \/><\/a><\/div><div class=\"portfolio-entry-details entry-details wpex-clr\"><h2 class=\"portfolio-entry-title entry-title\"><a href=\"https:\/\/www.garciafaura.com\/es\/portfolio-item\/hotel-barcelo-diagonal-414\/\" title=\"Hotel Barcel\u00f3 Occidental Diagonal 414\">Hotel Barcel\u00f3 Occidental Diagonal 414<\/a><\/h2><\/div><\/div><\/div><div class=\"portfolio-entry vcex-grid-item entry-has-details span_1_of_3 col col-2 vcex-isotope-entry vcex-no-margin-entry post-19342 entry type-portfolio has-media cat-51 cat-53 cat-118 cat-119 cat-58 cat-59 translation_priority-6\"><div class=\"portfolio-entry-inner entry-inner wpex-clr\"><div class=\"portfolio-entry-media entry-media wpex-clr\"><a href=\"https:\/\/www.garciafaura.com\/es\/portfolio-item\/renovacion-gran-hotel-torre-catalunya\/\" title=\"Rehabilitaci\u00f3n Hotel Nobu Torre Catalunya\" class=\"portfolio-entry-media-link\"><img loading=\"lazy\" decoding=\"async\" data-no-lazy=\"1\" class=\"portfolio-entry-img skip-lazy\" src=\"https:\/\/www.garciafaura.com\/wp-content\/uploads\/2019\/04\/MTP02599-600x314.jpg\" alt=\"Nobu Barcelona Garcia Faura\" data-no-retina width=\"600\" height=\"314\" \/><\/a><\/div><div class=\"portfolio-entry-details entry-details wpex-clr\"><h2 class=\"portfolio-entry-title entry-title\"><a href=\"https:\/\/www.garciafaura.com\/es\/portfolio-item\/renovacion-gran-hotel-torre-catalunya\/\" title=\"Rehabilitaci\u00f3n Hotel Nobu Torre Catalunya\">Rehabilitaci\u00f3n Hotel Nobu Torre Catalunya<\/a><\/h2><\/div><\/div><\/div><div class=\"portfolio-entry vcex-grid-item entry-has-details span_1_of_3 col col-3 vcex-isotope-entry vcex-no-margin-entry post-18438 entry type-portfolio has-media cat-53 cat-54 cat-118 cat-119 cat-58 translation_priority-6\"><div class=\"portfolio-entry-inner entry-inner wpex-clr\"><div class=\"portfolio-entry-media entry-media wpex-clr\"><a href=\"https:\/\/www.garciafaura.com\/es\/portfolio-item\/hotel-terramar-sitges\/\" title=\"Hotel Terramar Sitges\" class=\"portfolio-entry-media-link\"><img loading=\"lazy\" decoding=\"async\" data-no-lazy=\"1\" class=\"portfolio-entry-img skip-lazy\" src=\"https:\/\/www.garciafaura.com\/wp-content\/uploads\/2018\/12\/Hotel-Terramar-Sitges-01-600x314.jpg\" alt=\"Cerramientos Para Rehabilitaci\u00f3n De Hotel En Sitges\" data-no-retina width=\"600\" height=\"314\" \/><\/a><\/div><div class=\"portfolio-entry-details entry-details wpex-clr\"><h2 class=\"portfolio-entry-title entry-title\"><a href=\"https:\/\/www.garciafaura.com\/es\/portfolio-item\/hotel-terramar-sitges\/\" title=\"Hotel Terramar Sitges\">Hotel Terramar Sitges<\/a><\/h2><\/div><\/div><\/div><div class=\"portfolio-entry vcex-grid-item entry-has-details span_1_of_3 col col-1 vcex-isotope-entry vcex-no-margin-entry post-18429 entry type-portfolio has-media cat-53 cat-118 cat-119 cat-58 translation_priority-6\"><div class=\"portfolio-entry-inner entry-inner wpex-clr\"><div class=\"portfolio-entry-media entry-media wpex-clr\"><a href=\"https:\/\/www.garciafaura.com\/es\/portfolio-item\/hotel-barcelona-1898\/\" title=\"Hotel Barcelona 1898\" class=\"portfolio-entry-media-link\"><img loading=\"lazy\" decoding=\"async\" data-no-lazy=\"1\" class=\"portfolio-entry-img skip-lazy\" src=\"https:\/\/www.garciafaura.com\/wp-content\/uploads\/2018\/11\/Hotel-Barcelona-1898-000-600x314.jpg\" alt='' data-no-retina width=\"600\" height=\"314\" \/><\/a><\/div><div class=\"portfolio-entry-details entry-details wpex-clr\"><h2 class=\"portfolio-entry-title entry-title\"><a href=\"https:\/\/www.garciafaura.com\/es\/portfolio-item\/hotel-barcelona-1898\/\" title=\"Hotel Barcelona 1898\">Hotel Barcelona 1898<\/a><\/h2><\/div><\/div><\/div><div class=\"portfolio-entry vcex-grid-item entry-has-details span_1_of_3 col col-2 vcex-isotope-entry vcex-no-margin-entry post-18396 entry type-portfolio has-media cat-45 cat-51 cat-118 cat-119 translation_priority-6\"><div class=\"portfolio-entry-inner entry-inner wpex-clr\"><div class=\"portfolio-entry-media entry-media wpex-clr\"><a href=\"https:\/\/www.garciafaura.com\/es\/portfolio-item\/oficinas-placa-europa\/\" title=\"Oficinas Pla\u00e7a Europa\" class=\"portfolio-entry-media-link\"><img decoding=\"async\" data-no-lazy=\"1\" class=\"portfolio-entry-img skip-lazy\" src=\"https:\/\/www.garciafaura.com\/wp-content\/uploads\/2018\/11\/Edifici-Plac\u0327a-Europa-02-x.jpg\" alt=\"Muro Cortina Modular Combinado Con Escamas De Panel Composite.\" data-no-retina \/><\/a><\/div><div class=\"portfolio-entry-details entry-details wpex-clr\"><h2 class=\"portfolio-entry-title entry-title\"><a href=\"https:\/\/www.garciafaura.com\/es\/portfolio-item\/oficinas-placa-europa\/\" title=\"Oficinas Pla\u00e7a Europa\">Oficinas Pla\u00e7a Europa<\/a><\/h2><\/div><\/div><\/div><div class=\"portfolio-entry vcex-grid-item entry-has-details span_1_of_3 col col-3 vcex-isotope-entry vcex-no-margin-entry post-18352 entry type-portfolio has-media cat-49 cat-50 cat-118 cat-119 translation_priority-6\"><div class=\"portfolio-entry-inner entry-inner wpex-clr\"><div class=\"portfolio-entry-media entry-media wpex-clr\"><a href=\"https:\/\/www.garciafaura.com\/es\/portfolio-item\/ciudad-de-la-justicia-de-barcelona\/\" title=\"Ciudad de la Justicia de Barcelona\" class=\"portfolio-entry-media-link\"><img loading=\"lazy\" decoding=\"async\" data-no-lazy=\"1\" class=\"portfolio-entry-img skip-lazy\" src=\"https:\/\/www.garciafaura.com\/wp-content\/uploads\/2019\/03\/CiutatJusticia-600x314.jpg\" alt='' data-no-retina width=\"600\" height=\"314\" \/><\/a><\/div><div class=\"portfolio-entry-details entry-details wpex-clr\"><h2 class=\"portfolio-entry-title entry-title\"><a href=\"https:\/\/www.garciafaura.com\/es\/portfolio-item\/ciudad-de-la-justicia-de-barcelona\/\" title=\"Ciudad de la Justicia de Barcelona\">Ciudad de la Justicia de Barcelona<\/a><\/h2><\/div><\/div><\/div><div class=\"portfolio-entry vcex-grid-item entry-has-details span_1_of_3 col col-1 vcex-isotope-entry vcex-no-margin-entry post-18349 entry type-portfolio has-media cat-53 cat-118 cat-119 translation_priority-6\"><div class=\"portfolio-entry-inner entry-inner wpex-clr\"><div class=\"portfolio-entry-media entry-media wpex-clr\"><a href=\"https:\/\/www.garciafaura.com\/es\/portfolio-item\/hotel-porta-fira\/\" title=\"Hotel Porta Fira\" class=\"portfolio-entry-media-link\"><img decoding=\"async\" data-no-lazy=\"1\" class=\"portfolio-entry-img skip-lazy\" src=\"https:\/\/www.garciafaura.com\/wp-content\/uploads\/2018\/11\/Hotel-Porta-Fira-16-x.jpg\" alt=\"Carpinter\u00eda Interior, Claraboyas Y Acabados Del Hotel M\u00e1s Caracter\u00edsticas De La Plaza Europa\" data-no-retina \/><\/a><\/div><div class=\"portfolio-entry-details entry-details wpex-clr\"><h2 class=\"portfolio-entry-title entry-title\"><a href=\"https:\/\/www.garciafaura.com\/es\/portfolio-item\/hotel-porta-fira\/\" title=\"Hotel Porta Fira\">Hotel Porta Fira<\/a><\/h2><\/div><\/div><\/div><div class=\"portfolio-entry vcex-grid-item entry-has-details span_1_of_3 col col-2 vcex-isotope-entry vcex-no-margin-entry post-18226 entry type-portfolio has-media cat-45 cat-51 cat-118 cat-119 translation_priority-6\"><div class=\"portfolio-entry-inner entry-inner wpex-clr\"><div class=\"portfolio-entry-media entry-media wpex-clr\"><a href=\"https:\/\/www.garciafaura.com\/es\/portfolio-item\/sede-rba-editores\/\" title=\"Sede RBA Editores\" class=\"portfolio-entry-media-link\"><img decoding=\"async\" data-no-lazy=\"1\" class=\"portfolio-entry-img skip-lazy\" src=\"https:\/\/www.garciafaura.com\/wp-content\/uploads\/2018\/11\/Seu-RBA-04-x.jpg\" alt=\"Fachada Y Conjunto De Cerramientos Interiores Y Exteriores De La Nueva Sede Corporativa Del Grupo Editorial\" data-no-retina \/><\/a><\/div><div class=\"portfolio-entry-details entry-details wpex-clr\"><h2 class=\"portfolio-entry-title entry-title\"><a href=\"https:\/\/www.garciafaura.com\/es\/portfolio-item\/sede-rba-editores\/\" title=\"Sede RBA Editores\">Sede RBA Editores<\/a><\/h2><\/div><\/div><\/div><div class=\"portfolio-entry vcex-grid-item entry-has-details span_1_of_3 col col-3 vcex-isotope-entry vcex-no-margin-entry post-18168 entry type-portfolio has-media cat-49 cat-118 cat-119 translation_priority-6\"><div class=\"portfolio-entry-inner entry-inner wpex-clr\"><div class=\"portfolio-entry-media entry-media wpex-clr\"><a href=\"https:\/\/www.garciafaura.com\/es\/portfolio-item\/hospital-sant-joan-de-deu-numancia\/\" title=\"Hospital Sant Joan de D\u00e9u Num\u00e0ncia\" class=\"portfolio-entry-media-link\"><img decoding=\"async\" data-no-lazy=\"1\" class=\"portfolio-entry-img skip-lazy\" src=\"https:\/\/www.garciafaura.com\/wp-content\/uploads\/2018\/11\/Hospital-Sant-Joan-De\u0301u-Numa\u0300ncia-22-x.jpg\" alt=\"Conjunto De Cerramientos, Trabajos En Chapa Y Forrados De Este Centro Hospitalario\" data-no-retina \/><\/a><\/div><div class=\"portfolio-entry-details entry-details wpex-clr\"><h2 class=\"portfolio-entry-title entry-title\"><a href=\"https:\/\/www.garciafaura.com\/es\/portfolio-item\/hospital-sant-joan-de-deu-numancia\/\" title=\"Hospital Sant Joan de D\u00e9u Num\u00e0ncia\">Hospital Sant Joan de D\u00e9u Num\u00e0ncia<\/a><\/h2><\/div><\/div><\/div><div class=\"portfolio-entry vcex-grid-item entry-has-details span_1_of_3 col col-1 vcex-isotope-entry vcex-no-margin-entry post-18165 entry type-portfolio has-media cat-49 cat-118 cat-119 translation_priority-6\"><div class=\"portfolio-entry-inner entry-inner wpex-clr\"><div class=\"portfolio-entry-media entry-media wpex-clr\"><a href=\"https:\/\/www.garciafaura.com\/es\/portfolio-item\/tanatorio-sant-joan-despi\/\" title=\"Tanatorio Sant Joan Desp\u00ed\" class=\"portfolio-entry-media-link\"><img decoding=\"async\" data-no-lazy=\"1\" class=\"portfolio-entry-img skip-lazy\" src=\"https:\/\/www.garciafaura.com\/wp-content\/uploads\/2018\/11\/Tanatori-Sant-Joan-Despi\u0301-16-x.jpg\" alt=\"Cerramientos, Vidrier\u00eda Y Trabajos De Acero Con Tratamiento Cor-Ten\" data-no-retina \/><\/a><\/div><div class=\"portfolio-entry-details entry-details wpex-clr\"><h2 class=\"portfolio-entry-title entry-title\"><a href=\"https:\/\/www.garciafaura.com\/es\/portfolio-item\/tanatorio-sant-joan-despi\/\" title=\"Tanatorio Sant Joan Desp\u00ed\">Tanatorio Sant Joan Desp\u00ed<\/a><\/h2><\/div><\/div><\/div><div class=\"portfolio-entry vcex-grid-item entry-has-details span_1_of_3 col col-2 vcex-isotope-entry vcex-no-margin-entry post-18083 entry type-portfolio has-media cat-49 cat-51 cat-52 cat-118 cat-119 translation_priority-6\"><div class=\"portfolio-entry-inner entry-inner wpex-clr\"><div class=\"portfolio-entry-media entry-media wpex-clr\"><a href=\"https:\/\/www.garciafaura.com\/es\/portfolio-item\/edificio-icfo-campus-upc-castelldefels\/\" title=\"Edificio ICFO Campus UPC Castelldefels\" class=\"portfolio-entry-media-link\"><img loading=\"lazy\" decoding=\"async\" data-no-lazy=\"1\" class=\"portfolio-entry-img skip-lazy\" src=\"https:\/\/www.garciafaura.com\/wp-content\/uploads\/2018\/11\/Edifici-ICFO-Campus-UPC-01-600x314.jpg\" alt=\"Cerramientos Y Pasarelas Del Instituto De Ciencias Fot\u00f3nicas En El Campus Castelldefels\" data-no-retina width=\"600\" height=\"314\" \/><\/a><\/div><div class=\"portfolio-entry-details entry-details wpex-clr\"><h2 class=\"portfolio-entry-title entry-title\"><a href=\"https:\/\/www.garciafaura.com\/es\/portfolio-item\/edificio-icfo-campus-upc-castelldefels\/\" title=\"Edificio ICFO Campus UPC Castelldefels\">Edificio ICFO Campus UPC Castelldefels<\/a><\/h2><\/div><\/div><\/div><div class=\"portfolio-entry vcex-grid-item entry-has-details span_1_of_3 col col-3 vcex-isotope-entry vcex-no-margin-entry post-18077 entry type-portfolio has-media cat-51 cat-53 cat-54 cat-118 cat-119 translation_priority-6\"><div class=\"portfolio-entry-inner entry-inner wpex-clr\"><div class=\"portfolio-entry-media entry-media wpex-clr\"><a href=\"https:\/\/www.garciafaura.com\/es\/portfolio-item\/hotel-sofia\/\" title=\"Hotel Sofia\" class=\"portfolio-entry-media-link\"><img loading=\"lazy\" decoding=\"async\" data-no-lazy=\"1\" class=\"portfolio-entry-img skip-lazy\" src=\"https:\/\/www.garciafaura.com\/wp-content\/uploads\/2018\/11\/Hotel-Sofia-Sitges-02-600x314.jpg\" alt=\"Cerramientos Y Fachada Exterior De Este Establecimiento Hotelero Del Centro De Sitges\" data-no-retina width=\"600\" height=\"314\" \/><\/a><\/div><div class=\"portfolio-entry-details entry-details wpex-clr\"><h2 class=\"portfolio-entry-title entry-title\"><a href=\"https:\/\/www.garciafaura.com\/es\/portfolio-item\/hotel-sofia\/\" title=\"Hotel Sofia\">Hotel Sofia<\/a><\/h2><\/div><\/div><\/div><div class=\"portfolio-entry vcex-grid-item entry-has-details span_1_of_3 col col-1 vcex-isotope-entry vcex-no-margin-entry post-18039 entry type-portfolio has-media cat-49 cat-118 cat-119 translation_priority-6\"><div class=\"portfolio-entry-inner entry-inner wpex-clr\"><div class=\"portfolio-entry-media entry-media wpex-clr\"><a href=\"https:\/\/www.garciafaura.com\/es\/portfolio-item\/polideportivo-les-moreres\/\" title=\"Polideportivo Les Moreres\" class=\"portfolio-entry-media-link\"><img loading=\"lazy\" decoding=\"async\" data-no-lazy=\"1\" class=\"portfolio-entry-img skip-lazy\" src=\"https:\/\/www.garciafaura.com\/wp-content\/uploads\/2018\/11\/Poliesportiu-Les-Moreres-01-600x314.jpg\" alt=\"Arquitectura En Aluminio Y Vidrio Del Centro Municipal De Deportes De Esplugues De Llobregat\" data-no-retina width=\"600\" height=\"314\" \/><\/a><\/div><div class=\"portfolio-entry-details entry-details wpex-clr\"><h2 class=\"portfolio-entry-title entry-title\"><a href=\"https:\/\/www.garciafaura.com\/es\/portfolio-item\/polideportivo-les-moreres\/\" title=\"Polideportivo Les Moreres\">Polideportivo Les Moreres<\/a><\/h2><\/div><\/div><\/div><div class=\"portfolio-entry vcex-grid-item entry-has-details span_1_of_3 col col-2 vcex-isotope-entry vcex-no-margin-entry post-18036 entry type-portfolio has-media cat-53 cat-54 cat-118 cat-119 translation_priority-6\"><div class=\"portfolio-entry-inner entry-inner wpex-clr\"><div class=\"portfolio-entry-media entry-media wpex-clr\"><a href=\"https:\/\/www.garciafaura.com\/es\/portfolio-item\/hotel-sb-plaza-europa\/\" title=\"Hotel SB Plaza Europa\" class=\"portfolio-entry-media-link\"><img decoding=\"async\" data-no-lazy=\"1\" class=\"portfolio-entry-img skip-lazy\" src=\"https:\/\/www.garciafaura.com\/wp-content\/uploads\/2018\/11\/Hotel-SB-Plac\u0327a-Europa-01-x.jpg\" alt=\"Cerramientos En Aluminio Y Vidrio Del Nuevo Equipamiento Del Grupo SB Hotels En L'Hospitalet\" data-no-retina \/><\/a><\/div><div class=\"portfolio-entry-details entry-details wpex-clr\"><h2 class=\"portfolio-entry-title entry-title\"><a href=\"https:\/\/www.garciafaura.com\/es\/portfolio-item\/hotel-sb-plaza-europa\/\" title=\"Hotel SB Plaza Europa\">Hotel SB Plaza Europa<\/a><\/h2><\/div><\/div><\/div><div class=\"portfolio-entry vcex-grid-item entry-has-details span_1_of_3 col col-3 vcex-isotope-entry vcex-no-margin-entry post-18026 entry type-portfolio has-media cat-49 cat-118 cat-119 translation_priority-6\"><div class=\"portfolio-entry-inner entry-inner wpex-clr\"><div class=\"portfolio-entry-media entry-media wpex-clr\"><a href=\"https:\/\/www.garciafaura.com\/es\/portfolio-item\/ampliacion-hospital-sant-joan-de-deu\/\" title=\"Ampliaci\u00f3n Hospital Sant Joan de D\u00e9u\" class=\"portfolio-entry-media-link\"><img loading=\"lazy\" decoding=\"async\" data-no-lazy=\"1\" class=\"portfolio-entry-img skip-lazy\" src=\"https:\/\/www.garciafaura.com\/wp-content\/uploads\/2018\/11\/Ampliacio\u0301-Hospital-Manresa-01-600x314.jpg\" alt=\"Trabajos De Ampliaci\u00f3n Del Hospital Sant Joan De D\u00e9u De Manresa\" data-no-retina width=\"600\" height=\"314\" \/><\/a><\/div><div class=\"portfolio-entry-details entry-details wpex-clr\"><h2 class=\"portfolio-entry-title entry-title\"><a href=\"https:\/\/www.garciafaura.com\/es\/portfolio-item\/ampliacion-hospital-sant-joan-de-deu\/\" title=\"Ampliaci\u00f3n Hospital Sant Joan de D\u00e9u\">Ampliaci\u00f3n Hospital Sant Joan de D\u00e9u<\/a><\/h2><\/div><\/div><\/div><div class=\"portfolio-entry vcex-grid-item entry-has-details span_1_of_3 col col-1 vcex-isotope-entry vcex-no-margin-entry post-17981 entry type-portfolio has-media cat-51 cat-118 cat-119 cat-58 cat-59 translation_priority-6\"><div class=\"portfolio-entry-inner entry-inner wpex-clr\"><div class=\"portfolio-entry-media entry-media wpex-clr\"><a href=\"https:\/\/www.garciafaura.com\/es\/portfolio-item\/rehabilitacion-mercat-del-ninot\/\" title=\"Rehabilitaci\u00f3n Mercat del Ninot\" class=\"portfolio-entry-media-link\"><img loading=\"lazy\" decoding=\"async\" data-no-lazy=\"1\" class=\"portfolio-entry-img skip-lazy\" src=\"https:\/\/www.garciafaura.com\/wp-content\/uploads\/2018\/11\/Rehabilitacio\u0301-Mercat-del-Ninot-01-600x314.jpg\" alt=\"Fachada Y Cerramientos Exteriores De Este Emblem\u00e0tico Mercado De Barcelona\" data-no-retina width=\"600\" height=\"314\" \/><\/a><\/div><div class=\"portfolio-entry-details entry-details wpex-clr\"><h2 class=\"portfolio-entry-title entry-title\"><a href=\"https:\/\/www.garciafaura.com\/es\/portfolio-item\/rehabilitacion-mercat-del-ninot\/\" title=\"Rehabilitaci\u00f3n Mercat del Ninot\">Rehabilitaci\u00f3n Mercat del Ninot<\/a><\/h2><\/div><\/div><\/div><div class=\"portfolio-entry vcex-grid-item entry-has-details span_1_of_3 col col-2 vcex-isotope-entry vcex-no-margin-entry post-17901 entry type-portfolio has-media cat-49 cat-118 cat-119 translation_priority-6\"><div class=\"portfolio-entry-inner entry-inner wpex-clr\"><div class=\"portfolio-entry-media entry-media wpex-clr\"><a href=\"https:\/\/www.garciafaura.com\/es\/portfolio-item\/mercado-de-la-constitucio\/\" title=\"Mercado de la Constituci\u00f3\" class=\"portfolio-entry-media-link\"><img loading=\"lazy\" decoding=\"async\" data-no-lazy=\"1\" class=\"portfolio-entry-img skip-lazy\" src=\"https:\/\/www.garciafaura.com\/wp-content\/uploads\/2018\/10\/Mercat-de-la-Constitucio\u0301-01-600x314.jpg\" alt=\"Cerramientos Y Vidrios Del Mercado Municipal De La Constituci\u00f3 De Viladecans\" data-no-retina width=\"600\" height=\"314\" \/><\/a><\/div><div class=\"portfolio-entry-details entry-details wpex-clr\"><h2 class=\"portfolio-entry-title entry-title\"><a href=\"https:\/\/www.garciafaura.com\/es\/portfolio-item\/mercado-de-la-constitucio\/\" title=\"Mercado de la Constituci\u00f3\">Mercado de la Constituci\u00f3<\/a><\/h2><\/div><\/div><\/div><div class=\"portfolio-entry vcex-grid-item entry-has-details span_1_of_3 col col-3 vcex-isotope-entry vcex-no-margin-entry post-17864 entry type-portfolio has-media cat-49 cat-50 cat-118 cat-119 translation_priority-6\"><div class=\"portfolio-entry-inner entry-inner wpex-clr\"><div class=\"portfolio-entry-media entry-media wpex-clr\"><a href=\"https:\/\/www.garciafaura.com\/es\/portfolio-item\/tanatorio-lhospitalet-ronda\/\" title=\"Tanatorio L&#8217;Hospitalet Ronda\" class=\"portfolio-entry-media-link\"><img loading=\"lazy\" decoding=\"async\" data-no-lazy=\"1\" class=\"portfolio-entry-img skip-lazy\" src=\"https:\/\/www.garciafaura.com\/wp-content\/uploads\/2018\/10\/Tanatori-Hospitalet-Ronda-02-600x314.jpg\" alt=\"Cerramientos De Aluminio, Muro Cortina, Lucernas Y Mamparas De Este Nuevo Equipamiento.\" data-no-retina width=\"600\" height=\"314\" \/><\/a><\/div><div class=\"portfolio-entry-details entry-details wpex-clr\"><h2 class=\"portfolio-entry-title entry-title\"><a href=\"https:\/\/www.garciafaura.com\/es\/portfolio-item\/tanatorio-lhospitalet-ronda\/\" title=\"Tanatorio L&#8217;Hospitalet Ronda\">Tanatorio L&#8217;Hospitalet Ronda<\/a><\/h2><\/div><\/div><\/div><div class=\"portfolio-entry vcex-grid-item entry-has-details span_1_of_3 col col-1 vcex-isotope-entry vcex-no-margin-entry post-17820 entry type-portfolio has-media cat-45 cat-51 cat-118 cat-119 cat-58 cat-59 translation_priority-6\"><div class=\"portfolio-entry-inner entry-inner wpex-clr\"><div class=\"portfolio-entry-media entry-media wpex-clr\"><a href=\"https:\/\/www.garciafaura.com\/es\/portfolio-item\/rehabilitacion-edificio-aigues-de-barcelona\/\" title=\"Rehabilitaci\u00f3n Edificio Aig\u00fces de Barcelona\" class=\"portfolio-entry-media-link\"><img loading=\"lazy\" decoding=\"async\" data-no-lazy=\"1\" class=\"portfolio-entry-img skip-lazy\" src=\"https:\/\/www.garciafaura.com\/wp-content\/uploads\/2018\/10\/Rehabilitacio-Fac\u0327ana-Agbar-Collblanc-04-600x314.jpg\" alt=\"Rehabilitaci\u00f3n De Fachada Para Aumentar La Eficiencia Energ\u00e9tica Del Edificio\" data-no-retina width=\"600\" height=\"314\" \/><\/a><\/div><div class=\"portfolio-entry-details entry-details wpex-clr\"><h2 class=\"portfolio-entry-title entry-title\"><a href=\"https:\/\/www.garciafaura.com\/es\/portfolio-item\/rehabilitacion-edificio-aigues-de-barcelona\/\" title=\"Rehabilitaci\u00f3n Edificio Aig\u00fces de Barcelona\">Rehabilitaci\u00f3n Edificio Aig\u00fces de Barcelona<\/a><\/h2><\/div><\/div><\/div><div class=\"portfolio-entry vcex-grid-item entry-has-details span_1_of_3 col col-2 vcex-isotope-entry vcex-no-margin-entry post-17769 entry type-portfolio has-media cat-45 cat-118 cat-119 cat-58 cat-59 translation_priority-6\"><div class=\"portfolio-entry-inner entry-inner wpex-clr\"><div class=\"portfolio-entry-media entry-media wpex-clr\"><a href=\"https:\/\/www.garciafaura.com\/es\/portfolio-item\/rehabilitacion-torre-diagonal-litoral\/\" title=\"Rehabilitaci\u00f3n Torre Diagonal Litoral\" class=\"portfolio-entry-media-link\"><img loading=\"lazy\" decoding=\"async\" data-no-lazy=\"1\" class=\"portfolio-entry-img skip-lazy\" src=\"https:\/\/www.garciafaura.com\/wp-content\/uploads\/2018\/10\/Torre-Diagonal-Litoral-01-600x314.jpg\" alt=\"Rehabilitaci\u00f3n Exterior Y Mantenimiento Integral De Fachada\" data-no-retina width=\"600\" height=\"314\" \/><\/a><\/div><div class=\"portfolio-entry-details entry-details wpex-clr\"><h2 class=\"portfolio-entry-title entry-title\"><a href=\"https:\/\/www.garciafaura.com\/es\/portfolio-item\/rehabilitacion-torre-diagonal-litoral\/\" title=\"Rehabilitaci\u00f3n Torre Diagonal Litoral\">Rehabilitaci\u00f3n Torre Diagonal Litoral<\/a><\/h2><\/div><\/div><\/div><div class=\"portfolio-entry vcex-grid-item entry-has-details span_1_of_3 col col-3 vcex-isotope-entry vcex-no-margin-entry post-17752 entry type-portfolio has-media cat-45 cat-48 cat-51 cat-52 cat-118 cat-119 translation_priority-6\"><div class=\"portfolio-entry-inner entry-inner wpex-clr\"><div class=\"portfolio-entry-media entry-media wpex-clr\"><a href=\"https:\/\/www.garciafaura.com\/es\/portfolio-item\/torre-4-portal-firal\/\" title=\"Torre 4 Portal Firal\" class=\"portfolio-entry-media-link\"><img loading=\"lazy\" decoding=\"async\" data-no-lazy=\"1\" class=\"portfolio-entry-img skip-lazy\" src=\"https:\/\/www.garciafaura.com\/wp-content\/uploads\/2018\/10\/Torre-4-Porta-Firal-01-600x314.jpg\" alt=\"Conjunto De Fachadas Y Cerramientos En Nuevo Edificio Corporativo\" data-no-retina width=\"600\" height=\"314\" \/><\/a><\/div><div class=\"portfolio-entry-details entry-details wpex-clr\"><h2 class=\"portfolio-entry-title entry-title\"><a href=\"https:\/\/www.garciafaura.com\/es\/portfolio-item\/torre-4-portal-firal\/\" title=\"Torre 4 Portal Firal\">Torre 4 Portal Firal<\/a><\/h2><\/div><\/div><\/div><div class=\"portfolio-entry vcex-grid-item entry-has-details span_1_of_3 col col-1 vcex-isotope-entry vcex-no-margin-entry post-17672 entry type-portfolio has-media cat-51 cat-52 cat-118 cat-119 cat-58 cat-59 translation_priority-6\"><div class=\"portfolio-entry-inner entry-inner wpex-clr\"><div class=\"portfolio-entry-media entry-media wpex-clr\"><a href=\"https:\/\/www.garciafaura.com\/es\/portfolio-item\/rehabilitacion-edificio-beethoven\/\" title=\"Rehabilitaci\u00f3n Edificio Beethoven\" class=\"portfolio-entry-media-link\"><img loading=\"lazy\" decoding=\"async\" data-no-lazy=\"1\" class=\"portfolio-entry-img skip-lazy\" src=\"https:\/\/www.garciafaura.com\/wp-content\/uploads\/2018\/09\/Edifici-Beethoven-02-600x314.jpg\" alt=\"Rehabilitaci\u00f3n De Fachada Y Mejora De Su Eficiencia.\" data-no-retina width=\"600\" height=\"314\" \/><\/a><\/div><div class=\"portfolio-entry-details entry-details wpex-clr\"><h2 class=\"portfolio-entry-title entry-title\"><a href=\"https:\/\/www.garciafaura.com\/es\/portfolio-item\/rehabilitacion-edificio-beethoven\/\" title=\"Rehabilitaci\u00f3n Edificio Beethoven\">Rehabilitaci\u00f3n Edificio Beethoven<\/a><\/h2><\/div><\/div><\/div><div class=\"portfolio-entry vcex-grid-item entry-has-details span_1_of_3 col col-2 vcex-isotope-entry vcex-no-margin-entry post-17647 entry type-portfolio has-media cat-49 cat-51 cat-118 cat-119 translation_priority-6\"><div class=\"portfolio-entry-inner entry-inner wpex-clr\"><div class=\"portfolio-entry-media entry-media wpex-clr\"><a href=\"https:\/\/www.garciafaura.com\/es\/portfolio-item\/ayuntamiento-de-gava\/\" title=\"Ayuntamiento de Gav\u00e0\" class=\"portfolio-entry-media-link\"><img decoding=\"async\" data-no-lazy=\"1\" class=\"portfolio-entry-img skip-lazy\" src=\"https:\/\/www.garciafaura.com\/wp-content\/uploads\/2018\/09\/Ajuntament-de-Gava\u0300-02-x.jpg\" alt=\"Cerramientos De Aluminio Y Fachada De Vidrio Del Edificio Dise\u00f1ado Por Albert Viaplana\" data-no-retina \/><\/a><\/div><div class=\"portfolio-entry-details entry-details wpex-clr\"><h2 class=\"portfolio-entry-title entry-title\"><a href=\"https:\/\/www.garciafaura.com\/es\/portfolio-item\/ayuntamiento-de-gava\/\" title=\"Ayuntamiento de Gav\u00e0\">Ayuntamiento de Gav\u00e0<\/a><\/h2><\/div><\/div><\/div><\/div><\/div>[\/vc_column][\/vc_row]\n<\/div>","protected":false},"excerpt":{"rendered":"<p>[vc_row full_width=\u00bbstretch_row\u00bb content_placement=\u00bbmiddle\u00bb typography_style=\u00bbwhite\u00bb wpex_bg_overlay=\u00bbcolor\u00bb wpex_bg_overlay_color=\u00bb#d9d9d9&#8243; wpex_bg_overlay_opacity=\u00bb0.85&#8243;][vc_column width=\u00bb1\/2&#8243;][vc_column_text]GARCIA FAURA dispone de una Divisi\u00f3n propia y especializada en el mantenimiento de fachadas y cerramientos para todo tipo de edificios tanto del sector privado como p\u00fablico. Somos especialistas en el mantenimiento de&hellip;<\/p>\n","protected":false},"author":3,"featured_media":0,"parent":0,"menu_order":0,"comment_status":"closed","ping_status":"closed","template":"","meta":{"footnotes":""},"class_list":["post-29333","page","type-page","status-publish","hentry","entry","no-media"],"yoast_head":"<!-- This site is optimized with the Yoast SEO plugin v26.7 - https:\/\/yoast.com\/wordpress\/plugins\/seo\/ -->\n<title>Divisi\u00f3n de Mantenimientos - GARCIA FAURA<\/title>\n<meta name=\"description\" content=\"Arquitectura en Alumini, Inox, Ferro i Vidre\" \/>\n<meta name=\"robots\" content=\"index, follow, max-snippet:-1, max-image-preview:large, max-video-preview:-1\" \/>\n<link rel=\"canonical\" href=\"https:\/\/www.garciafaura.com\/es\/mantenimientos\/\" \/>\n<meta property=\"og:locale\" content=\"es_ES\" \/>\n<meta property=\"og:type\" content=\"article\" \/>\n<meta property=\"og:title\" content=\"Divisi\u00f3n de Mantenimientos - GARCIA FAURA\" \/>\n<meta property=\"og:description\" content=\"Arquitectura en Alumini, Inox, Ferro i Vidre\" \/>\n<meta property=\"og:url\" content=\"https:\/\/www.garciafaura.com\/es\/mantenimientos\/\" \/>\n<meta property=\"og:site_name\" content=\"GARCIA FAURA\" \/>\n<meta property=\"article:modified_time\" content=\"2022-04-19T17:31:34+00:00\" \/>\n<meta name=\"twitter:card\" content=\"summary_large_image\" \/>\n<meta name=\"twitter:label1\" content=\"Tiempo de lectura\" \/>\n\t<meta name=\"twitter:data1\" content=\"1 minuto\" \/>\n<script type=\"application\/ld+json\" class=\"yoast-schema-graph\">{\"@context\":\"https:\/\/schema.org\",\"@graph\":[{\"@type\":\"WebPage\",\"@id\":\"https:\/\/www.garciafaura.com\/es\/mantenimientos\/\",\"url\":\"https:\/\/www.garciafaura.com\/es\/mantenimientos\/\",\"name\":\"Divisi\u00f3n de Mantenimientos - GARCIA FAURA\",\"isPartOf\":{\"@id\":\"https:\/\/www.garciafaura.com\/fr\/#website\"},\"datePublished\":\"2022-04-19T17:12:39+00:00\",\"dateModified\":\"2022-04-19T17:31:34+00:00\",\"description\":\"Arquitectura en Alumini, Inox, Ferro i Vidre\",\"breadcrumb\":{\"@id\":\"https:\/\/www.garciafaura.com\/es\/mantenimientos\/#breadcrumb\"},\"inLanguage\":\"es\",\"potentialAction\":[{\"@type\":\"ReadAction\",\"target\":[\"https:\/\/www.garciafaura.com\/es\/mantenimientos\/\"]}]},{\"@type\":\"BreadcrumbList\",\"@id\":\"https:\/\/www.garciafaura.com\/es\/mantenimientos\/#breadcrumb\",\"itemListElement\":[{\"@type\":\"ListItem\",\"position\":1,\"name\":\"Inici\",\"item\":\"https:\/\/www.garciafaura.com\/es\/\"},{\"@type\":\"ListItem\",\"position\":2,\"name\":\"Divisi\u00f3n de Mantenimientos\"}]},{\"@type\":\"WebSite\",\"@id\":\"https:\/\/www.garciafaura.com\/fr\/#website\",\"url\":\"https:\/\/www.garciafaura.com\/fr\/\",\"name\":\"GARCIA FAURA\",\"description\":\"Arquitectura en Alumini, Inox, Ferro i Vidre\",\"publisher\":{\"@id\":\"https:\/\/www.garciafaura.com\/fr\/#organization\"},\"potentialAction\":[{\"@type\":\"SearchAction\",\"target\":{\"@type\":\"EntryPoint\",\"urlTemplate\":\"https:\/\/www.garciafaura.com\/fr\/?s={search_term_string}\"},\"query-input\":{\"@type\":\"PropertyValueSpecification\",\"valueRequired\":true,\"valueName\":\"search_term_string\"}}],\"inLanguage\":\"es\"},{\"@type\":\"Organization\",\"@id\":\"https:\/\/www.garciafaura.com\/fr\/#organization\",\"name\":\"GARCIA FAURA\",\"url\":\"https:\/\/www.garciafaura.com\/fr\/\",\"logo\":{\"@type\":\"ImageObject\",\"inLanguage\":\"es\",\"@id\":\"https:\/\/www.garciafaura.com\/fr\/#\/schema\/logo\/image\/\",\"url\":\"https:\/\/www.garciafaura.com\/wp-content\/uploads\/2018\/09\/Garcia-Faura.png\",\"contentUrl\":\"https:\/\/www.garciafaura.com\/wp-content\/uploads\/2018\/09\/Garcia-Faura.png\",\"width\":512,\"height\":512,\"caption\":\"GARCIA FAURA\"},\"image\":{\"@id\":\"https:\/\/www.garciafaura.com\/fr\/#\/schema\/logo\/image\/\"},\"sameAs\":[\"https:\/\/www.youtube.com\/user\/GARCIAFAURA\"]}]}<\/script>\n<!-- \/ Yoast SEO plugin. -->","yoast_head_json":{"title":"Divisi\u00f3n de Mantenimientos - GARCIA FAURA","description":"Arquitectura en Alumini, Inox, Ferro i Vidre","robots":{"index":"index","follow":"follow","max-snippet":"max-snippet:-1","max-image-preview":"max-image-preview:large","max-video-preview":"max-video-preview:-1"},"canonical":"https:\/\/www.garciafaura.com\/es\/mantenimientos\/","og_locale":"es_ES","og_type":"article","og_title":"Divisi\u00f3n de Mantenimientos - GARCIA FAURA","og_description":"Arquitectura en Alumini, Inox, Ferro i Vidre","og_url":"https:\/\/www.garciafaura.com\/es\/mantenimientos\/","og_site_name":"GARCIA FAURA","article_modified_time":"2022-04-19T17:31:34+00:00","twitter_card":"summary_large_image","twitter_misc":{"Tiempo de lectura":"1 minuto"},"schema":{"@context":"https:\/\/schema.org","@graph":[{"@type":"WebPage","@id":"https:\/\/www.garciafaura.com\/es\/mantenimientos\/","url":"https:\/\/www.garciafaura.com\/es\/mantenimientos\/","name":"Divisi\u00f3n de Mantenimientos - GARCIA FAURA","isPartOf":{"@id":"https:\/\/www.garciafaura.com\/fr\/#website"},"datePublished":"2022-04-19T17:12:39+00:00","dateModified":"2022-04-19T17:31:34+00:00","description":"Arquitectura en Alumini, Inox, Ferro i Vidre","breadcrumb":{"@id":"https:\/\/www.garciafaura.com\/es\/mantenimientos\/#breadcrumb"},"inLanguage":"es","potentialAction":[{"@type":"ReadAction","target":["https:\/\/www.garciafaura.com\/es\/mantenimientos\/"]}]},{"@type":"BreadcrumbList","@id":"https:\/\/www.garciafaura.com\/es\/mantenimientos\/#breadcrumb","itemListElement":[{"@type":"ListItem","position":1,"name":"Inici","item":"https:\/\/www.garciafaura.com\/es\/"},{"@type":"ListItem","position":2,"name":"Divisi\u00f3n de Mantenimientos"}]},{"@type":"WebSite","@id":"https:\/\/www.garciafaura.com\/fr\/#website","url":"https:\/\/www.garciafaura.com\/fr\/","name":"GARCIA FAURA","description":"Arquitectura en Alumini, Inox, Ferro i Vidre","publisher":{"@id":"https:\/\/www.garciafaura.com\/fr\/#organization"},"potentialAction":[{"@type":"SearchAction","target":{"@type":"EntryPoint","urlTemplate":"https:\/\/www.garciafaura.com\/fr\/?s={search_term_string}"},"query-input":{"@type":"PropertyValueSpecification","valueRequired":true,"valueName":"search_term_string"}}],"inLanguage":"es"},{"@type":"Organization","@id":"https:\/\/www.garciafaura.com\/fr\/#organization","name":"GARCIA FAURA","url":"https:\/\/www.garciafaura.com\/fr\/","logo":{"@type":"ImageObject","inLanguage":"es","@id":"https:\/\/www.garciafaura.com\/fr\/#\/schema\/logo\/image\/","url":"https:\/\/www.garciafaura.com\/wp-content\/uploads\/2018\/09\/Garcia-Faura.png","contentUrl":"https:\/\/www.garciafaura.com\/wp-content\/uploads\/2018\/09\/Garcia-Faura.png","width":512,"height":512,"caption":"GARCIA FAURA"},"image":{"@id":"https:\/\/www.garciafaura.com\/fr\/#\/schema\/logo\/image\/"},"sameAs":["https:\/\/www.youtube.com\/user\/GARCIAFAURA"]}]}},"_links":{"self":[{"href":"https:\/\/www.garciafaura.com\/es\/wp-json\/wp\/v2\/pages\/29333","targetHints":{"allow":["GET"]}}],"collection":[{"href":"https:\/\/www.garciafaura.com\/es\/wp-json\/wp\/v2\/pages"}],"about":[{"href":"https:\/\/www.garciafaura.com\/es\/wp-json\/wp\/v2\/types\/page"}],"author":[{"embeddable":true,"href":"https:\/\/www.garciafaura.com\/es\/wp-json\/wp\/v2\/users\/3"}],"replies":[{"embeddable":true,"href":"https:\/\/www.garciafaura.com\/es\/wp-json\/wp\/v2\/comments?post=29333"}],"version-history":[{"count":7,"href":"https:\/\/www.garciafaura.com\/es\/wp-json\/wp\/v2\/pages\/29333\/revisions"}],"predecessor-version":[{"id":29344,"href":"https:\/\/www.garciafaura.com\/es\/wp-json\/wp\/v2\/pages\/29333\/revisions\/29344"}],"wp:attachment":[{"href":"https:\/\/www.garciafaura.com\/es\/wp-json\/wp\/v2\/media?parent=29333"}],"curies":[{"name":"wp","href":"https:\/\/api.w.org\/{rel}","templated":true}]}}