{"id":17248,"date":"2019-02-21T18:53:25","date_gmt":"2019-02-21T18:53:25","guid":{"rendered":"https:\/\/www.garciafaura.com\/responsabilidad-social-corporativa\/"},"modified":"2019-09-23T11:00:04","modified_gmt":"2019-09-23T09:00:04","slug":"responsabilidad-social-corporativa","status":"publish","type":"page","link":"https:\/\/www.garciafaura.com\/es\/responsabilidad-social-corporativa\/","title":{"rendered":"Responsabilidad Social Corporativa"},"content":{"rendered":"<div class=\"wpb-content-wrapper\">[vc_row full_width=\u00bbstretch_row\u00bb typography_style=\u00bbwhite\u00bb][vc_column]<h2 class=\"vcex-module vcex-heading vcex-heading-bottom-border-w-color\" style=\"color:#ffffff;border-bottom-color:#d6d6d6;\"><span class=\"vcex-heading-inner clr\" style=\"border-color:#d7515e;\">APUESTA POR LA ECONOM\u00cdA LOCAL<\/span><\/h2><div class=\"vcex-spacing\" style=\"height:30px\"><\/div>[vc_row_inner][vc_column_inner width=\u00bb2\/3&#8243;][vc_column_text]<span style=\"font-family: 'Open Sans'; font-size: 18px;\"><strong>GARCIA FAURA<\/strong> cree en el territorio y en sus personas. Por este motivo impulsa pol\u00edticas de contrataci\u00f3n local, fortaleciendo el tejido econ\u00f3mico de proximidad y el talento del entorno. El 70% de los trabajadores de la empresa tienen su residencia en un radio de 10km. de las instalaciones. El Departamento de Personas se coordina con las bolsas de trabajo del municipio y la comarca para impulsar contrataciones de proximidad.<\/span><\/p>\n<p><span style=\"font-family: 'Open Sans'; font-size: 18px;\">Esta pol\u00edtica tambi\u00e9n se refleja en la relaci\u00f3n con proveedores, apostando por el trabajo con <em>partners<\/em> locales. El Departamento de Compras deriva un alto porcentaje de los pedidos no especializados a proveedores de km. 0, fomentando la creaci\u00f3n y desarrollo del emprendimiento derivada de nuestras diferentes l\u00edneas de negocio. Una manera de ser y de hacer reconocida en 2011 con el Premio Ciudad de Gav\u00e0 de Empresa, y en 2015 con el Premio Made in Gav\u00e0 de arraigo local.<\/span>[\/vc_column_text][\/vc_column_inner][vc_column_inner width=\u00bb1\/3&#8243;]<div class=\"wpex-slider-preloaderimg\"><img loading=\"lazy\" decoding=\"async\" data-no-lazy=\"1\" class=\"skip-lazy\" src=\"https:\/\/www.garciafaura.com\/wp-content\/uploads\/2018\/12\/GARCIAFAURA_ArrelamentTerritori1.jpg\" alt='' data-no-retina width=\"1920\" height=\"1280\" \/><\/div><div class=\"vcex-module wpex-slider slider-pro vcex-image-slider clr\"  data-loop=\"true\" data-auto-play-delay=\"5000\" data-buttons=\"false\" data-fade-arrows=\"false\" data-animation-speed=\"600\" data-auto-height=\"false\" data-thumbnail-height=\"70\" data-thumbnail-width=\"70\"><div class=\"wpex-slider-slides sp-slides\"><div class=\"wpex-slider-slide sp-slide\"><div class=\"wpex-slider-media\"><img loading=\"lazy\" decoding=\"async\" data-no-lazy=\"1\" class=\"skip-lazy\" src=\"https:\/\/www.garciafaura.com\/wp-content\/uploads\/2018\/12\/GARCIAFAURA_ArrelamentTerritori1.jpg\" alt='' data-no-retina width=\"1920\" height=\"1280\" \/><\/div><\/div><div class=\"wpex-slider-slide sp-slide\"><div class=\"wpex-slider-media\"><img loading=\"lazy\" decoding=\"async\" data-no-lazy=\"1\" class=\"skip-lazy\" src=\"https:\/\/www.garciafaura.com\/wp-content\/uploads\/2018\/12\/GARCIAFAURA_ArrelamentTerritori2.jpg\" alt='' data-no-retina width=\"1920\" height=\"1280\" \/><\/div><\/div><div class=\"wpex-slider-slide sp-slide\"><div class=\"wpex-slider-media\"><img loading=\"lazy\" decoding=\"async\" data-no-lazy=\"1\" class=\"skip-lazy\" src=\"https:\/\/www.garciafaura.com\/wp-content\/uploads\/2018\/12\/GARCIAFAURA_ArrelamentTerritori3.jpg\" alt='' data-no-retina width=\"1920\" height=\"1280\" \/><\/div><\/div><\/div><\/div>[\/vc_column_inner][\/vc_row_inner][\/vc_column][\/vc_row][vc_row full_width=\u00bbstretch_row\u00bb typography_style=\u00bbwhite\u00bb][vc_column]<h2 class=\"vcex-module vcex-heading vcex-heading-bottom-border-w-color\" style=\"color:#ffffff;border-bottom-color:#d6d6d6;\"><span class=\"vcex-heading-inner clr\" style=\"border-color:#d7515e;\">CAPTACI\u00d3N Y FOMENTO DEL TALENTO<\/span><\/h2><div class=\"vcex-spacing\" style=\"height:30px\"><\/div>[vc_row_inner][vc_column_inner width=\u00bb2\/3&#8243;][vc_column_text]<span style=\"font-family: 'Open Sans'; font-size: 18px;\"><strong>GARCIA FAURA<\/strong> apuesta por la juventud y la formaci\u00f3n continuada como ejes de su pol\u00edtica de crecimiento y consolidaci\u00f3n. Trabajamos en coordinaci\u00f3n con las universidades del pa\u00eds y centros especializados en formaci\u00f3n profesional para identificar nuevos valores con potencial, a los que se ofrecen contratos de pr\u00e1cticas o estancias de formaci\u00f3n en la empresa. Los j\u00f3venes adquieren la experiencia del trabajo en una estructura profesional, y la empresa se nutre del potencial creativo y la ilusi\u00f3n de ellos y ellas. <\/span><\/p>\n<p><span style=\"font-family: 'Open Sans'; font-size: 18px;\">A nivel institucional la empresa participa activamente en programas de apoyo al talento emprendedor y ofrece sus instalaciones para la realizaci\u00f3n de jornadas de formaci\u00f3n t\u00e9cnica. Una formaci\u00f3n que se traslada tambi\u00e9n al conjunto de trabajadores de la empresa, destinando cerca de un 10% de los beneficios anuales a programas de formaci\u00f3n continuada del personal.<\/span>[\/vc_column_text][\/vc_column_inner][vc_column_inner width=\u00bb1\/3&#8243;]<div class=\"wpex-slider-preloaderimg\"><img loading=\"lazy\" decoding=\"async\" data-no-lazy=\"1\" class=\"skip-lazy\" src=\"https:\/\/www.garciafaura.com\/wp-content\/uploads\/2018\/12\/GARCIAFAURA_CaptacioTalent1.jpg\" alt='' data-no-retina width=\"1920\" height=\"1280\" \/><\/div><div class=\"vcex-module wpex-slider slider-pro vcex-image-slider clr\"  data-loop=\"true\" data-auto-play-delay=\"5000\" data-buttons=\"false\" data-fade-arrows=\"false\" data-animation-speed=\"600\" data-auto-height=\"false\" data-thumbnail-height=\"70\" data-thumbnail-width=\"70\"><div class=\"wpex-slider-slides sp-slides\"><div class=\"wpex-slider-slide sp-slide\"><div class=\"wpex-slider-media\"><img loading=\"lazy\" decoding=\"async\" data-no-lazy=\"1\" class=\"skip-lazy\" src=\"https:\/\/www.garciafaura.com\/wp-content\/uploads\/2018\/12\/GARCIAFAURA_CaptacioTalent1.jpg\" alt='' data-no-retina width=\"1920\" height=\"1280\" \/><\/div><\/div><div class=\"wpex-slider-slide sp-slide\"><div class=\"wpex-slider-media\"><img loading=\"lazy\" decoding=\"async\" data-no-lazy=\"1\" class=\"skip-lazy\" src=\"https:\/\/www.garciafaura.com\/wp-content\/uploads\/2018\/12\/GARCIAFAURA_CaptacioTalent2.jpg\" alt='' data-no-retina width=\"1920\" height=\"1280\" \/><\/div><\/div><div class=\"wpex-slider-slide sp-slide\"><div class=\"wpex-slider-media\"><img loading=\"lazy\" decoding=\"async\" data-no-lazy=\"1\" class=\"skip-lazy\" src=\"https:\/\/www.garciafaura.com\/wp-content\/uploads\/2018\/12\/GARCIAFAURA_CaptacioTalent3.jpg\" alt='' data-no-retina width=\"1920\" height=\"1280\" \/><\/div><\/div><\/div><\/div>[\/vc_column_inner][\/vc_row_inner][\/vc_column][\/vc_row][vc_row full_width=\u00bbstretch_row\u00bb typography_style=\u00bbwhite\u00bb][vc_column]<h2 class=\"vcex-module vcex-heading vcex-heading-bottom-border-w-color\" style=\"color:#ffffff;border-bottom-color:#d6d6d6;\"><span class=\"vcex-heading-inner clr\" style=\"border-color:#d7515e;\">CULTURA DE EMPRESA<\/span><\/h2><div class=\"vcex-spacing\" style=\"height:30px\"><\/div>[vc_row_inner][vc_column_inner width=\u00bb2\/3&#8243;][vc_column_text]<span style=\"font-family: 'Open Sans'; font-size: 18px;\"><strong>GARCIA FAURA<\/strong> es una empresa de ra\u00edz familiar y esta manera de entender la organizaci\u00f3n se hace extensiva al conjunto de la corporaci\u00f3n. Por este motivo apostamos por la participaci\u00f3n directa de los trabajadores en la toma de decisiones del negocio, habiendo creado \u00f3rganos como el Consejo de Direcci\u00f3n (formado por los directores de las diferentes \u00e1reas de la empresa), la Mesa de Seguridad y Salud (integrada por operarios los diferentes talleres productivos) o la Comisi\u00f3n de Calidad (que pretende hacer extensivo el concepto de calidad no s\u00f3lo a la fabricaci\u00f3n de productos, sino tambi\u00e9n al conjunto de la organizaci\u00f3n en todos sus procesos).<\/span><\/p>\n<p><span style=\"font-family: 'Open Sans'; font-size: 18px;\">La empresa apuesta por la cohesi\u00f3n interna y la participaci\u00f3n, creando herramientas que la favorezcan, como sistemas de recogida de sugerencias o la elaboraci\u00f3n de una revista mensual de car\u00e1cter interno que recoge la actualidad personal y profesional generada por los propios trabajadores.<\/span>[\/vc_column_text][\/vc_column_inner][vc_column_inner width=\u00bb1\/3&#8243;]<div class=\"wpex-slider-preloaderimg\"><img loading=\"lazy\" decoding=\"async\" data-no-lazy=\"1\" class=\"skip-lazy\" src=\"https:\/\/www.garciafaura.com\/wp-content\/uploads\/2018\/12\/GARCIAFAURA_CulturaEmpresa3.jpg\" alt='' data-no-retina width=\"1920\" height=\"1280\" \/><\/div><div class=\"vcex-module wpex-slider slider-pro vcex-image-slider clr\"  data-loop=\"true\" data-auto-play-delay=\"5000\" data-buttons=\"false\" data-fade-arrows=\"false\" data-animation-speed=\"600\" data-auto-height=\"false\" data-thumbnail-height=\"70\" data-thumbnail-width=\"70\"><div class=\"wpex-slider-slides sp-slides\"><div class=\"wpex-slider-slide sp-slide\"><div class=\"wpex-slider-media\"><img loading=\"lazy\" decoding=\"async\" data-no-lazy=\"1\" class=\"skip-lazy\" src=\"https:\/\/www.garciafaura.com\/wp-content\/uploads\/2018\/12\/GARCIAFAURA_CulturaEmpresa3.jpg\" alt='' data-no-retina width=\"1920\" height=\"1280\" \/><\/div><\/div><div class=\"wpex-slider-slide sp-slide\"><div class=\"wpex-slider-media\"><img loading=\"lazy\" decoding=\"async\" data-no-lazy=\"1\" class=\"skip-lazy\" src=\"https:\/\/www.garciafaura.com\/wp-content\/uploads\/2018\/12\/GARCIAFAURA_CulturaEmpresa1.jpg\" alt='' data-no-retina width=\"1920\" height=\"1280\" \/><\/div><\/div><div class=\"wpex-slider-slide sp-slide\"><div class=\"wpex-slider-media\"><img loading=\"lazy\" decoding=\"async\" data-no-lazy=\"1\" class=\"skip-lazy\" src=\"https:\/\/www.garciafaura.com\/wp-content\/uploads\/2018\/12\/GARCIAFAURA_CulturaEmpresa2.jpg\" alt='' data-no-retina width=\"1920\" height=\"1280\" \/><\/div><\/div><\/div><\/div>[\/vc_column_inner][\/vc_row_inner][\/vc_column][\/vc_row]\n<\/div>","protected":false},"excerpt":{"rendered":"<p>[vc_row full_width=\u00bbstretch_row\u00bb typography_style=\u00bbwhite\u00bb][vc_column][vc_row_inner][vc_column_inner width=\u00bb2\/3&#8243;][vc_column_text]GARCIA FAURA cree en el territorio y en sus personas. Por este motivo impulsa pol\u00edticas de contrataci\u00f3n local, fortaleciendo el tejido econ\u00f3mico de proximidad y el talento del entorno. El 70% de los trabajadores de la empresa&hellip;<\/p>\n","protected":false},"author":3,"featured_media":0,"parent":0,"menu_order":0,"comment_status":"closed","ping_status":"closed","template":"","meta":{"footnotes":""},"class_list":["post-17248","page","type-page","status-publish","hentry","entry","no-media"],"yoast_head":"<!-- This site is optimized with the Yoast SEO plugin v26.7 - https:\/\/yoast.com\/wordpress\/plugins\/seo\/ -->\n<title>Responsabilidad Social Corporativa - GARCIA FAURA<\/title>\n<meta name=\"description\" content=\"Arquitectura en Alumini, Inox, Ferro i Vidre\" \/>\n<meta name=\"robots\" content=\"index, follow, max-snippet:-1, max-image-preview:large, max-video-preview:-1\" \/>\n<link rel=\"canonical\" href=\"https:\/\/www.garciafaura.com\/es\/responsabilidad-social-corporativa\/\" \/>\n<meta property=\"og:locale\" content=\"es_ES\" \/>\n<meta property=\"og:type\" content=\"article\" \/>\n<meta property=\"og:title\" content=\"Responsabilidad Social Corporativa - GARCIA FAURA\" \/>\n<meta property=\"og:description\" content=\"Arquitectura en Alumini, Inox, Ferro i Vidre\" \/>\n<meta property=\"og:url\" content=\"https:\/\/www.garciafaura.com\/es\/responsabilidad-social-corporativa\/\" \/>\n<meta property=\"og:site_name\" content=\"GARCIA FAURA\" \/>\n<meta property=\"article:modified_time\" content=\"2019-09-23T09:00:04+00:00\" \/>\n<meta name=\"twitter:card\" content=\"summary_large_image\" \/>\n<meta name=\"twitter:label1\" content=\"Tiempo de lectura\" \/>\n\t<meta name=\"twitter:data1\" content=\"4 minutos\" \/>\n<script type=\"application\/ld+json\" class=\"yoast-schema-graph\">{\"@context\":\"https:\/\/schema.org\",\"@graph\":[{\"@type\":\"WebPage\",\"@id\":\"https:\/\/www.garciafaura.com\/es\/responsabilidad-social-corporativa\/\",\"url\":\"https:\/\/www.garciafaura.com\/es\/responsabilidad-social-corporativa\/\",\"name\":\"Responsabilidad Social Corporativa - GARCIA FAURA\",\"isPartOf\":{\"@id\":\"https:\/\/www.garciafaura.com\/fr\/#website\"},\"datePublished\":\"2019-02-21T18:53:25+00:00\",\"dateModified\":\"2019-09-23T09:00:04+00:00\",\"description\":\"Arquitectura en Alumini, Inox, Ferro i Vidre\",\"breadcrumb\":{\"@id\":\"https:\/\/www.garciafaura.com\/es\/responsabilidad-social-corporativa\/#breadcrumb\"},\"inLanguage\":\"es\",\"potentialAction\":[{\"@type\":\"ReadAction\",\"target\":[\"https:\/\/www.garciafaura.com\/es\/responsabilidad-social-corporativa\/\"]}]},{\"@type\":\"BreadcrumbList\",\"@id\":\"https:\/\/www.garciafaura.com\/es\/responsabilidad-social-corporativa\/#breadcrumb\",\"itemListElement\":[{\"@type\":\"ListItem\",\"position\":1,\"name\":\"Inici\",\"item\":\"https:\/\/www.garciafaura.com\/es\/\"},{\"@type\":\"ListItem\",\"position\":2,\"name\":\"Responsabilidad Social Corporativa\"}]},{\"@type\":\"WebSite\",\"@id\":\"https:\/\/www.garciafaura.com\/fr\/#website\",\"url\":\"https:\/\/www.garciafaura.com\/fr\/\",\"name\":\"GARCIA FAURA\",\"description\":\"Arquitectura en Alumini, Inox, Ferro i Vidre\",\"publisher\":{\"@id\":\"https:\/\/www.garciafaura.com\/fr\/#organization\"},\"potentialAction\":[{\"@type\":\"SearchAction\",\"target\":{\"@type\":\"EntryPoint\",\"urlTemplate\":\"https:\/\/www.garciafaura.com\/fr\/?s={search_term_string}\"},\"query-input\":{\"@type\":\"PropertyValueSpecification\",\"valueRequired\":true,\"valueName\":\"search_term_string\"}}],\"inLanguage\":\"es\"},{\"@type\":\"Organization\",\"@id\":\"https:\/\/www.garciafaura.com\/fr\/#organization\",\"name\":\"GARCIA FAURA\",\"url\":\"https:\/\/www.garciafaura.com\/fr\/\",\"logo\":{\"@type\":\"ImageObject\",\"inLanguage\":\"es\",\"@id\":\"https:\/\/www.garciafaura.com\/fr\/#\/schema\/logo\/image\/\",\"url\":\"https:\/\/www.garciafaura.com\/wp-content\/uploads\/2018\/09\/Garcia-Faura.png\",\"contentUrl\":\"https:\/\/www.garciafaura.com\/wp-content\/uploads\/2018\/09\/Garcia-Faura.png\",\"width\":512,\"height\":512,\"caption\":\"GARCIA FAURA\"},\"image\":{\"@id\":\"https:\/\/www.garciafaura.com\/fr\/#\/schema\/logo\/image\/\"},\"sameAs\":[\"https:\/\/www.youtube.com\/user\/GARCIAFAURA\"]}]}<\/script>\n<!-- \/ Yoast SEO plugin. -->","yoast_head_json":{"title":"Responsabilidad Social Corporativa - GARCIA FAURA","description":"Arquitectura en Alumini, Inox, Ferro i Vidre","robots":{"index":"index","follow":"follow","max-snippet":"max-snippet:-1","max-image-preview":"max-image-preview:large","max-video-preview":"max-video-preview:-1"},"canonical":"https:\/\/www.garciafaura.com\/es\/responsabilidad-social-corporativa\/","og_locale":"es_ES","og_type":"article","og_title":"Responsabilidad Social Corporativa - GARCIA FAURA","og_description":"Arquitectura en Alumini, Inox, Ferro i Vidre","og_url":"https:\/\/www.garciafaura.com\/es\/responsabilidad-social-corporativa\/","og_site_name":"GARCIA FAURA","article_modified_time":"2019-09-23T09:00:04+00:00","twitter_card":"summary_large_image","twitter_misc":{"Tiempo de lectura":"4 minutos"},"schema":{"@context":"https:\/\/schema.org","@graph":[{"@type":"WebPage","@id":"https:\/\/www.garciafaura.com\/es\/responsabilidad-social-corporativa\/","url":"https:\/\/www.garciafaura.com\/es\/responsabilidad-social-corporativa\/","name":"Responsabilidad Social Corporativa - GARCIA FAURA","isPartOf":{"@id":"https:\/\/www.garciafaura.com\/fr\/#website"},"datePublished":"2019-02-21T18:53:25+00:00","dateModified":"2019-09-23T09:00:04+00:00","description":"Arquitectura en Alumini, Inox, Ferro i Vidre","breadcrumb":{"@id":"https:\/\/www.garciafaura.com\/es\/responsabilidad-social-corporativa\/#breadcrumb"},"inLanguage":"es","potentialAction":[{"@type":"ReadAction","target":["https:\/\/www.garciafaura.com\/es\/responsabilidad-social-corporativa\/"]}]},{"@type":"BreadcrumbList","@id":"https:\/\/www.garciafaura.com\/es\/responsabilidad-social-corporativa\/#breadcrumb","itemListElement":[{"@type":"ListItem","position":1,"name":"Inici","item":"https:\/\/www.garciafaura.com\/es\/"},{"@type":"ListItem","position":2,"name":"Responsabilidad Social Corporativa"}]},{"@type":"WebSite","@id":"https:\/\/www.garciafaura.com\/fr\/#website","url":"https:\/\/www.garciafaura.com\/fr\/","name":"GARCIA FAURA","description":"Arquitectura en Alumini, Inox, Ferro i Vidre","publisher":{"@id":"https:\/\/www.garciafaura.com\/fr\/#organization"},"potentialAction":[{"@type":"SearchAction","target":{"@type":"EntryPoint","urlTemplate":"https:\/\/www.garciafaura.com\/fr\/?s={search_term_string}"},"query-input":{"@type":"PropertyValueSpecification","valueRequired":true,"valueName":"search_term_string"}}],"inLanguage":"es"},{"@type":"Organization","@id":"https:\/\/www.garciafaura.com\/fr\/#organization","name":"GARCIA FAURA","url":"https:\/\/www.garciafaura.com\/fr\/","logo":{"@type":"ImageObject","inLanguage":"es","@id":"https:\/\/www.garciafaura.com\/fr\/#\/schema\/logo\/image\/","url":"https:\/\/www.garciafaura.com\/wp-content\/uploads\/2018\/09\/Garcia-Faura.png","contentUrl":"https:\/\/www.garciafaura.com\/wp-content\/uploads\/2018\/09\/Garcia-Faura.png","width":512,"height":512,"caption":"GARCIA FAURA"},"image":{"@id":"https:\/\/www.garciafaura.com\/fr\/#\/schema\/logo\/image\/"},"sameAs":["https:\/\/www.youtube.com\/user\/GARCIAFAURA"]}]}},"_links":{"self":[{"href":"https:\/\/www.garciafaura.com\/es\/wp-json\/wp\/v2\/pages\/17248","targetHints":{"allow":["GET"]}}],"collection":[{"href":"https:\/\/www.garciafaura.com\/es\/wp-json\/wp\/v2\/pages"}],"about":[{"href":"https:\/\/www.garciafaura.com\/es\/wp-json\/wp\/v2\/types\/page"}],"author":[{"embeddable":true,"href":"https:\/\/www.garciafaura.com\/es\/wp-json\/wp\/v2\/users\/3"}],"replies":[{"embeddable":true,"href":"https:\/\/www.garciafaura.com\/es\/wp-json\/wp\/v2\/comments?post=17248"}],"version-history":[{"count":1,"href":"https:\/\/www.garciafaura.com\/es\/wp-json\/wp\/v2\/pages\/17248\/revisions"}],"predecessor-version":[{"id":17249,"href":"https:\/\/www.garciafaura.com\/es\/wp-json\/wp\/v2\/pages\/17248\/revisions\/17249"}],"wp:attachment":[{"href":"https:\/\/www.garciafaura.com\/es\/wp-json\/wp\/v2\/media?parent=17248"}],"curies":[{"name":"wp","href":"https:\/\/api.w.org\/{rel}","templated":true}]}}