{"id":17241,"date":"2019-02-21T18:42:30","date_gmt":"2019-02-21T18:42:30","guid":{"rendered":"https:\/\/www.garciafaura.com\/instalaciones\/"},"modified":"2019-09-23T11:00:04","modified_gmt":"2019-09-23T09:00:04","slug":"instalaciones","status":"publish","type":"page","link":"https:\/\/www.garciafaura.com\/es\/instalaciones\/","title":{"rendered":"Instalaciones"},"content":{"rendered":"<div class=\"wpb-content-wrapper\">[vc_row full_width=\u00bbstretch_row\u00bb content_placement=\u00bbmiddle\u00bb parallax=\u00bbcontent-moving\u00bb parallax_image=\u00bb15377&#8243; typography_style=\u00bbwhite-shadow\u00bb wpex_bg_overlay=\u00bbdark\u00bb min_height=\u00bb460px\u00bb wpex_bg_overlay_color=\u00bb#000000&#8243; wpex_bg_overlay_opacity=\u00bb0.45&#8243;][vc_column][vc_column_text]\n<h2><span style=\"font-size: 24px;\"><span style=\"font-family: 'Open Sans';\">GARCIA FAURA<\/span> cuenta con unas instalaciones de primer nivel, maquinaria especializada y software espec\u00edfico para la fabricaci\u00f3n de todos los materiales que suministramos, con una pol\u00edtica de inversiones anuales pensada para seguir siendo l\u00edderes en la manipulaci\u00f3n del aluminio, el hierro , el acero inoxidable y el vidrio.<span style=\"font-family: 'Open Sans';\"><\/span><\/span><\/h2>\n[\/vc_column_text][\/vc_column][\/vc_row][vc_row full_width=\u00bbstretch_row\u00bb typography_style=\u00bbwhite\u00bb][vc_column]<div class=\"vcex-spacing\" style=\"height:30px\"><\/div><h2 class=\"vcex-module vcex-heading vcex-heading-bottom-border-w-color\" style=\"color:#ffffff;font-weight:600;\"><span class=\"vcex-heading-inner clr\" style=\"border-color:#d7515e;\">La sede central de GARCIA FAURA en Gav\u00e0<\/span><\/h2>[vc_row_inner][vc_column_inner width=\u00bb2\/3&#8243;]<div class=\"vcex-spacing\" style=\"height:30px\"><\/div><div class=\"wpex-slider-preloaderimg\"><img loading=\"lazy\" decoding=\"async\" data-no-lazy=\"1\" class=\"skip-lazy\" src=\"https:\/\/www.garciafaura.com\/wp-content\/uploads\/2018\/11\/GARCIA_FAURA_Instalacions_Planta_Gava\u0300_03.jpg\" alt='' data-no-retina width=\"1200\" height=\"628\" \/><\/div><div class=\"vcex-module wpex-slider slider-pro vcex-image-slider clr wpex-lightbox-group\" data-auto-play-delay=\"5000\" data-buttons=\"false\" data-fade-arrows=\"false\" data-animation-speed=\"600\" data-auto-height=\"false\" data-thumbnail-height=\"70\" data-thumbnail-width=\"70\" data-show_title=\"false\"><div class=\"wpex-slider-slides sp-slides\"><div class=\"wpex-slider-slide sp-slide\"><div class=\"wpex-slider-media\"><a href=\"https:\/\/www.garciafaura.com\/wp-content\/uploads\/2018\/11\/GARCIA_FAURA_Instalacions_Planta_Gava\u0300_03.jpg\" class=\"vcex-flexslider-entry-img wpex-slider-media-link wpex-lightbox-group-item\" data-type=\"image\"><img loading=\"lazy\" decoding=\"async\" data-no-lazy=\"1\" class=\"skip-lazy\" src=\"https:\/\/www.garciafaura.com\/wp-content\/uploads\/2018\/11\/GARCIA_FAURA_Instalacions_Planta_Gava\u0300_03.jpg\" alt='' data-no-retina width=\"1200\" height=\"628\" \/><\/a><\/div><\/div><div class=\"wpex-slider-slide sp-slide\"><div class=\"wpex-slider-media\"><a href=\"https:\/\/www.garciafaura.com\/wp-content\/uploads\/2018\/11\/GARCIA_FAURA_Instalacions_Planta_Gava\u0300_02.jpg\" class=\"vcex-flexslider-entry-img wpex-slider-media-link wpex-lightbox-group-item\" data-type=\"image\"><img loading=\"lazy\" decoding=\"async\" data-no-lazy=\"1\" class=\"skip-lazy\" src=\"https:\/\/www.garciafaura.com\/wp-content\/uploads\/2018\/11\/GARCIA_FAURA_Instalacions_Planta_Gava\u0300_02.jpg\" alt='' data-no-retina width=\"1200\" height=\"628\" \/><\/a><\/div><\/div><div class=\"wpex-slider-slide sp-slide\"><div class=\"wpex-slider-media\"><a href=\"https:\/\/www.garciafaura.com\/wp-content\/uploads\/2018\/11\/GARCIA_FAURA_Instalacions_Planta_Gava\u0300_05.jpg\" class=\"vcex-flexslider-entry-img wpex-slider-media-link wpex-lightbox-group-item\" data-type=\"image\"><img loading=\"lazy\" decoding=\"async\" data-no-lazy=\"1\" class=\"skip-lazy\" src=\"https:\/\/www.garciafaura.com\/wp-content\/uploads\/2018\/11\/GARCIA_FAURA_Instalacions_Planta_Gava\u0300_05.jpg\" alt='' data-no-retina width=\"1200\" height=\"628\" \/><\/a><\/div><\/div><div class=\"wpex-slider-slide sp-slide\"><div class=\"wpex-slider-media\"><a href=\"https:\/\/www.garciafaura.com\/wp-content\/uploads\/2018\/11\/GARCIA_FAURA_Instalacions_Planta_Gava\u0300_08.jpg\" class=\"vcex-flexslider-entry-img wpex-slider-media-link wpex-lightbox-group-item\" data-type=\"image\"><img loading=\"lazy\" decoding=\"async\" data-no-lazy=\"1\" class=\"skip-lazy\" src=\"https:\/\/www.garciafaura.com\/wp-content\/uploads\/2018\/11\/GARCIA_FAURA_Instalacions_Planta_Gava\u0300_08.jpg\" alt='' data-no-retina width=\"1200\" height=\"628\" \/><\/a><\/div><\/div><div class=\"wpex-slider-slide sp-slide\"><div class=\"wpex-slider-media\"><a href=\"https:\/\/www.garciafaura.com\/wp-content\/uploads\/2018\/11\/GARCIA_FAURA_Instalacions_Planta_Gava\u0300_06.jpg\" class=\"vcex-flexslider-entry-img wpex-slider-media-link wpex-lightbox-group-item\" data-type=\"image\"><img loading=\"lazy\" decoding=\"async\" data-no-lazy=\"1\" class=\"skip-lazy\" src=\"https:\/\/www.garciafaura.com\/wp-content\/uploads\/2018\/11\/GARCIA_FAURA_Instalacions_Planta_Gava\u0300_06.jpg\" alt='' data-no-retina width=\"1200\" height=\"628\" \/><\/a><\/div><\/div><div class=\"wpex-slider-slide sp-slide\"><div class=\"wpex-slider-media\"><a href=\"https:\/\/www.garciafaura.com\/wp-content\/uploads\/2018\/11\/GARCIA_FAURA_Instalacions_Planta_Gava\u0300_09.jpg\" class=\"vcex-flexslider-entry-img wpex-slider-media-link wpex-lightbox-group-item\" data-type=\"image\"><img loading=\"lazy\" decoding=\"async\" data-no-lazy=\"1\" class=\"skip-lazy\" src=\"https:\/\/www.garciafaura.com\/wp-content\/uploads\/2018\/11\/GARCIA_FAURA_Instalacions_Planta_Gava\u0300_09.jpg\" alt='' data-no-retina width=\"1200\" height=\"628\" \/><\/a><\/div><\/div><div class=\"wpex-slider-slide sp-slide\"><div class=\"wpex-slider-media\"><a href=\"https:\/\/www.garciafaura.com\/wp-content\/uploads\/2018\/11\/GARCIA_FAURA_Instalacions_Planta_Gava\u0300_10.jpg\" class=\"vcex-flexslider-entry-img wpex-slider-media-link wpex-lightbox-group-item\" data-type=\"image\"><img loading=\"lazy\" decoding=\"async\" data-no-lazy=\"1\" class=\"skip-lazy\" src=\"https:\/\/www.garciafaura.com\/wp-content\/uploads\/2018\/11\/GARCIA_FAURA_Instalacions_Planta_Gava\u0300_10.jpg\" alt='' data-no-retina width=\"1200\" height=\"628\" \/><\/a><\/div><\/div><div class=\"wpex-slider-slide sp-slide\"><div class=\"wpex-slider-media\"><a href=\"https:\/\/www.garciafaura.com\/wp-content\/uploads\/2018\/11\/GARCIA_FAURA_Instalacions_Planta_Gava\u0300_07.jpg\" class=\"vcex-flexslider-entry-img wpex-slider-media-link wpex-lightbox-group-item\" data-type=\"image\"><img loading=\"lazy\" decoding=\"async\" data-no-lazy=\"1\" class=\"skip-lazy\" src=\"https:\/\/www.garciafaura.com\/wp-content\/uploads\/2018\/11\/GARCIA_FAURA_Instalacions_Planta_Gava\u0300_07.jpg\" alt='' data-no-retina width=\"1200\" height=\"628\" \/><\/a><\/div><\/div><div class=\"wpex-slider-slide sp-slide\"><div class=\"wpex-slider-media\"><a href=\"https:\/\/www.garciafaura.com\/wp-content\/uploads\/2018\/11\/GARCIA_FAURA_Instalacions_Planta_Gava\u0300_04.jpg\" class=\"vcex-flexslider-entry-img wpex-slider-media-link wpex-lightbox-group-item\" data-type=\"image\"><img loading=\"lazy\" decoding=\"async\" data-no-lazy=\"1\" class=\"skip-lazy\" src=\"https:\/\/www.garciafaura.com\/wp-content\/uploads\/2018\/11\/GARCIA_FAURA_Instalacions_Planta_Gava\u0300_04.jpg\" alt='' data-no-retina width=\"1200\" height=\"628\" \/><\/a><\/div><\/div><\/div><\/div>[\/vc_column_inner][vc_column_inner width=\u00bb1\/3&#8243;]<div class=\"vcex-spacing\" style=\"height:30px\"><\/div>[vc_column_text]\n<ul>\n<li><span style=\"font-family: 'Open Sans'; font-size: 18px;\">Planta propia de 9000 m2 + 4600 m2 exteriores.<\/span><\/li>\n<li><span style=\"font-family: 'Open Sans'; font-size: 18px;\">Oficina central, sede de las \u00e1reas t\u00e9cnica, de producci\u00f3n, calidad, comercial, administraci\u00f3n y servicios internos.<\/span><\/li>\n<li><span style=\"font-family: 'Open Sans'; font-size: 18px;\">Zona productiva y taller dotado de 6 puentes gr\u00faa y 5 muelles de carga.<\/span><\/li>\n<li><span style=\"font-family: 'Open Sans';\"><span style=\"font-size: 18px;\">Showroom especializado en soluciones de fachada y cerramientos.<\/span> <\/span><\/li>\n<\/ul>\n[\/vc_column_text][\/vc_column_inner][\/vc_row_inner][\/vc_column][\/vc_row][vc_row full_width=\u00bbstretch_row\u00bb typography_style=\u00bbwhite\u00bb][vc_column width=\u00bb1\/2&#8243;]<h2 class=\"vcex-module vcex-heading vcex-heading-bottom-border-w-color\" style=\"color:#ffffff;font-weight:600;\"><span class=\"vcex-heading-inner clr\" style=\"border-color:#d7515e;\">Planta productiva de acero<\/span><\/h2><div class=\"vcex-spacing\" style=\"height:30px\"><\/div>[vc_column_text]\n<ul>\n<li><span style=\"font-family: 'Open Sans'; font-size: 18px;\">Planta espec\u00edfica de 2.600 metros cuadrados para la producci\u00f3n de cerramientos de acero en Gav\u00e0.<\/span><\/li>\n<\/ul>\n[\/vc_column_text]<div class=\"vcex-spacing\" style=\"height:30px\"><\/div>[vc_single_image image=\u00bb15321&#8243;][\/vc_column][vc_column width=\u00bb1\/2&#8243;]<h2 class=\"vcex-module vcex-heading vcex-heading-bottom-border-w-color\" style=\"color:#ffffff;font-weight:600;\"><span class=\"vcex-heading-inner clr\" style=\"border-color:#d7515e;\">Delegaci\u00f3n t\u00e9cnica y comercial en Madrid<\/span><\/h2><div class=\"vcex-spacing\" style=\"height:30px\"><\/div>[vc_column_text]\n<ul>\n<li><span style=\"font-family: 'Open Sans'; font-size: 18px;\">Oficina comercial y de representaci\u00f3n para las regiones norte, centro y sur de Espa\u00f1a.<\/span><\/li>\n<\/ul>\n[\/vc_column_text]<div class=\"vcex-spacing\" style=\"height:30px\"><\/div>[vc_single_image image=\u00bb19898&#8243;][\/vc_column][\/vc_row][vc_row full_width=\u00bbstretch_row\u00bb typography_style=\u00bbwhite\u00bb][vc_column width=\u00bb1\/2&#8243;]<h2 class=\"vcex-module vcex-heading vcex-heading-bottom-border-w-color\" style=\"color:#ffffff;font-weight:600;\"><span class=\"vcex-heading-inner clr\" style=\"border-color:#d7515e;\">Delegaci\u00f3n de GARCIA FAURA en Colombia<\/span><\/h2><div class=\"vcex-spacing\" style=\"height:30px\"><\/div>[vc_column_text]\n<ul>\n<li><span style=\"font-family: 'Open Sans'; font-size: 18px;\">Delegaci\u00f3n comercial y administrativa.<\/span><\/li>\n<li><span style=\"font-family: 'Open Sans'; font-size: 18px;\">Equipo t\u00e9cnico y de instalaci\u00f3n propios para la ejecuci\u00f3n de proyectos en el pa\u00eds.<\/span><\/li>\n<\/ul>\n[\/vc_column_text]<div class=\"vcex-spacing\" style=\"height:30px\"><\/div>[vc_gmaps link=\u00bb#E-8_JTNDaWZyYW1lJTIwc3JjJTNEJTIyaHR0cHMlM0ElMkYlMkZ3d3cuZ29vZ2xlLmNvbSUyRm1hcHMlMkZlbWJlZCUzRnBiJTNEJTIxMW0xOCUyMTFtMTIlMjExbTMlMjExZDMxODEyLjMzNDE0Nzc5Njg2OCUyMTJkLTc0LjA2NjU5NDYyMjUyODY0JTIxM2Q0LjY3NTQ1ODY2NzkyNzY1OSUyMTJtMyUyMTFmMCUyMTJmMCUyMTNmMCUyMTNtMiUyMTFpMTAyNCUyMTJpNzY4JTIxNGYxMy4xJTIxM20zJTIxMW0yJTIxMXMweDhlM2Y5YmVjNThiNGI4YTklMjUzQTB4NGE4ZWNiNWU0Yjg1MTQyMiUyMTJzR0FSQ0lBJTJCRkFVUkElMkJDT0xPTUJJQSUyMTVlMCUyMTNtMiUyMTFzY2ElMjEyc2VzJTIxNHYxNTQ1MTU0NzIwMzY0JTIyJTIwd2lkdGglM0QlMjI2MDAlMjIlMjBoZWlnaHQlM0QlMjI0NTAlMjIlMjBmcmFtZWJvcmRlciUzRCUyMjAlMjIlMjBzdHlsZSUzRCUyMmJvcmRlciUzQTAlMjIlMjBhbGxvd2Z1bGxzY3JlZW4lM0UlM0MlMkZpZnJhbWUlM0U=\u00bb][\/vc_column][vc_column width=\u00bb1\/2&#8243;]<h2 class=\"vcex-module vcex-heading vcex-heading-bottom-border-w-color\" style=\"color:#ffffff;font-weight:600;\"><span class=\"vcex-heading-inner clr\" style=\"border-color:#d7515e;\">Delegaci\u00f3n de GARCIA FAURA en Francia<\/span><\/h2><div class=\"vcex-spacing\" style=\"height:30px\"><\/div>[vc_column_text]\n<ul>\n<li><span style=\"font-family: 'Open Sans'; font-size: 18px;\">Oficina comercial, administrativa y de representaci\u00f3n para todo el territorio nacional.<\/span><\/li>\n<li><span style=\"font-size: 18px; font-family: 'Open Sans';\">Equipo propio de instalaci\u00f3n de proyectos<\/span><\/li>\n<\/ul>\n[\/vc_column_text]<div class=\"vcex-spacing\" style=\"height:30px\"><\/div>[vc_gmaps link=\u00bb#E-8_JTNDaWZyYW1lJTIwc3JjJTNEJTIyaHR0cHMlM0ElMkYlMkZ3d3cuZ29vZ2xlLmNvbSUyRm1hcHMlMkZlbWJlZCUzRnBiJTNEJTIxMW0xOCUyMTFtMTIlMjExbTMlMjExZDI2MjUuMjA2OTE3Mzg1MTAyOCUyMTJkMi4yODkwNTYxMTU0NzM5NzglMjEzZDQ4Ljg1NDI2NDU3OTI4NzA4JTIxMm0zJTIxMWYwJTIxMmYwJTIxM2YwJTIxM20yJTIxMWkxMDI0JTIxMmk3NjglMjE0ZjEzLjElMjEzbTMlMjExbTIlMjExczB4NDdlNjcxNjc2MjQ3MGY4YiUyNTNBMHhlY2U4M2QyODY3YTliZjAzJTIxMnNHQVJDSUElMkJGQVVSQSUyQkZSQU5DRSUyMTVlMCUyMTNtMiUyMTFzY2ElMjEyc2VzJTIxNHYxNTQ1MTU0NjM4Mjg5JTIyJTIwd2lkdGglM0QlMjI2MDAlMjIlMjBoZWlnaHQlM0QlMjI0NTAlMjIlMjBmcmFtZWJvcmRlciUzRCUyMjAlMjIlMjBzdHlsZSUzRCUyMmJvcmRlciUzQTAlMjIlMjBhbGxvd2Z1bGxzY3JlZW4lM0UlM0MlMkZpZnJhbWUlM0U=\u00bb][\/vc_column][\/vc_row]\n<\/div>","protected":false},"excerpt":{"rendered":"<p>[vc_row full_width=\u00bbstretch_row\u00bb content_placement=\u00bbmiddle\u00bb parallax=\u00bbcontent-moving\u00bb parallax_image=\u00bb15377&#8243; typography_style=\u00bbwhite-shadow\u00bb wpex_bg_overlay=\u00bbdark\u00bb min_height=\u00bb460px\u00bb wpex_bg_overlay_color=\u00bb#000000&#8243; wpex_bg_overlay_opacity=\u00bb0.45&#8243;][vc_column][vc_column_text] GARCIA FAURA cuenta con unas instalaciones de primer nivel, maquinaria especializada y software espec\u00edfico para la fabricaci\u00f3n de todos los materiales que suministramos, con una pol\u00edtica de inversiones anuales pensada&hellip;<\/p>\n","protected":false},"author":3,"featured_media":0,"parent":0,"menu_order":0,"comment_status":"closed","ping_status":"closed","template":"","meta":{"footnotes":""},"class_list":["post-17241","page","type-page","status-publish","hentry","entry","no-media"],"yoast_head":"<!-- This site is optimized with the Yoast SEO plugin v26.7 - https:\/\/yoast.com\/wordpress\/plugins\/seo\/ -->\n<title>Instalaciones - GARCIA FAURA<\/title>\n<meta name=\"description\" content=\"Arquitectura en Alumini, Inox, Ferro i Vidre\" \/>\n<meta name=\"robots\" content=\"index, follow, max-snippet:-1, max-image-preview:large, max-video-preview:-1\" \/>\n<link rel=\"canonical\" href=\"https:\/\/www.garciafaura.com\/es\/instalaciones\/\" \/>\n<meta property=\"og:locale\" content=\"es_ES\" \/>\n<meta property=\"og:type\" content=\"article\" \/>\n<meta property=\"og:title\" content=\"Instalaciones - GARCIA FAURA\" \/>\n<meta property=\"og:description\" content=\"Arquitectura en Alumini, Inox, Ferro i Vidre\" \/>\n<meta property=\"og:url\" content=\"https:\/\/www.garciafaura.com\/es\/instalaciones\/\" \/>\n<meta property=\"og:site_name\" content=\"GARCIA FAURA\" \/>\n<meta property=\"article:modified_time\" content=\"2019-09-23T09:00:04+00:00\" \/>\n<meta name=\"twitter:card\" content=\"summary_large_image\" \/>\n<meta name=\"twitter:label1\" content=\"Tiempo de lectura\" \/>\n\t<meta name=\"twitter:data1\" content=\"3 minutos\" \/>\n<script type=\"application\/ld+json\" class=\"yoast-schema-graph\">{\"@context\":\"https:\/\/schema.org\",\"@graph\":[{\"@type\":\"WebPage\",\"@id\":\"https:\/\/www.garciafaura.com\/es\/instalaciones\/\",\"url\":\"https:\/\/www.garciafaura.com\/es\/instalaciones\/\",\"name\":\"Instalaciones - GARCIA FAURA\",\"isPartOf\":{\"@id\":\"https:\/\/www.garciafaura.com\/fr\/#website\"},\"datePublished\":\"2019-02-21T18:42:30+00:00\",\"dateModified\":\"2019-09-23T09:00:04+00:00\",\"description\":\"Arquitectura en Alumini, Inox, Ferro i Vidre\",\"breadcrumb\":{\"@id\":\"https:\/\/www.garciafaura.com\/es\/instalaciones\/#breadcrumb\"},\"inLanguage\":\"es\",\"potentialAction\":[{\"@type\":\"ReadAction\",\"target\":[\"https:\/\/www.garciafaura.com\/es\/instalaciones\/\"]}]},{\"@type\":\"BreadcrumbList\",\"@id\":\"https:\/\/www.garciafaura.com\/es\/instalaciones\/#breadcrumb\",\"itemListElement\":[{\"@type\":\"ListItem\",\"position\":1,\"name\":\"Inici\",\"item\":\"https:\/\/www.garciafaura.com\/es\/\"},{\"@type\":\"ListItem\",\"position\":2,\"name\":\"Instalaciones\"}]},{\"@type\":\"WebSite\",\"@id\":\"https:\/\/www.garciafaura.com\/fr\/#website\",\"url\":\"https:\/\/www.garciafaura.com\/fr\/\",\"name\":\"GARCIA FAURA\",\"description\":\"Arquitectura en Alumini, Inox, Ferro i Vidre\",\"publisher\":{\"@id\":\"https:\/\/www.garciafaura.com\/fr\/#organization\"},\"potentialAction\":[{\"@type\":\"SearchAction\",\"target\":{\"@type\":\"EntryPoint\",\"urlTemplate\":\"https:\/\/www.garciafaura.com\/fr\/?s={search_term_string}\"},\"query-input\":{\"@type\":\"PropertyValueSpecification\",\"valueRequired\":true,\"valueName\":\"search_term_string\"}}],\"inLanguage\":\"es\"},{\"@type\":\"Organization\",\"@id\":\"https:\/\/www.garciafaura.com\/fr\/#organization\",\"name\":\"GARCIA FAURA\",\"url\":\"https:\/\/www.garciafaura.com\/fr\/\",\"logo\":{\"@type\":\"ImageObject\",\"inLanguage\":\"es\",\"@id\":\"https:\/\/www.garciafaura.com\/fr\/#\/schema\/logo\/image\/\",\"url\":\"https:\/\/www.garciafaura.com\/wp-content\/uploads\/2018\/09\/Garcia-Faura.png\",\"contentUrl\":\"https:\/\/www.garciafaura.com\/wp-content\/uploads\/2018\/09\/Garcia-Faura.png\",\"width\":512,\"height\":512,\"caption\":\"GARCIA FAURA\"},\"image\":{\"@id\":\"https:\/\/www.garciafaura.com\/fr\/#\/schema\/logo\/image\/\"},\"sameAs\":[\"https:\/\/www.youtube.com\/user\/GARCIAFAURA\"]}]}<\/script>\n<!-- \/ Yoast SEO plugin. -->","yoast_head_json":{"title":"Instalaciones - GARCIA FAURA","description":"Arquitectura en Alumini, Inox, Ferro i Vidre","robots":{"index":"index","follow":"follow","max-snippet":"max-snippet:-1","max-image-preview":"max-image-preview:large","max-video-preview":"max-video-preview:-1"},"canonical":"https:\/\/www.garciafaura.com\/es\/instalaciones\/","og_locale":"es_ES","og_type":"article","og_title":"Instalaciones - GARCIA FAURA","og_description":"Arquitectura en Alumini, Inox, Ferro i Vidre","og_url":"https:\/\/www.garciafaura.com\/es\/instalaciones\/","og_site_name":"GARCIA FAURA","article_modified_time":"2019-09-23T09:00:04+00:00","twitter_card":"summary_large_image","twitter_misc":{"Tiempo de lectura":"3 minutos"},"schema":{"@context":"https:\/\/schema.org","@graph":[{"@type":"WebPage","@id":"https:\/\/www.garciafaura.com\/es\/instalaciones\/","url":"https:\/\/www.garciafaura.com\/es\/instalaciones\/","name":"Instalaciones - GARCIA FAURA","isPartOf":{"@id":"https:\/\/www.garciafaura.com\/fr\/#website"},"datePublished":"2019-02-21T18:42:30+00:00","dateModified":"2019-09-23T09:00:04+00:00","description":"Arquitectura en Alumini, Inox, Ferro i Vidre","breadcrumb":{"@id":"https:\/\/www.garciafaura.com\/es\/instalaciones\/#breadcrumb"},"inLanguage":"es","potentialAction":[{"@type":"ReadAction","target":["https:\/\/www.garciafaura.com\/es\/instalaciones\/"]}]},{"@type":"BreadcrumbList","@id":"https:\/\/www.garciafaura.com\/es\/instalaciones\/#breadcrumb","itemListElement":[{"@type":"ListItem","position":1,"name":"Inici","item":"https:\/\/www.garciafaura.com\/es\/"},{"@type":"ListItem","position":2,"name":"Instalaciones"}]},{"@type":"WebSite","@id":"https:\/\/www.garciafaura.com\/fr\/#website","url":"https:\/\/www.garciafaura.com\/fr\/","name":"GARCIA FAURA","description":"Arquitectura en Alumini, Inox, Ferro i Vidre","publisher":{"@id":"https:\/\/www.garciafaura.com\/fr\/#organization"},"potentialAction":[{"@type":"SearchAction","target":{"@type":"EntryPoint","urlTemplate":"https:\/\/www.garciafaura.com\/fr\/?s={search_term_string}"},"query-input":{"@type":"PropertyValueSpecification","valueRequired":true,"valueName":"search_term_string"}}],"inLanguage":"es"},{"@type":"Organization","@id":"https:\/\/www.garciafaura.com\/fr\/#organization","name":"GARCIA FAURA","url":"https:\/\/www.garciafaura.com\/fr\/","logo":{"@type":"ImageObject","inLanguage":"es","@id":"https:\/\/www.garciafaura.com\/fr\/#\/schema\/logo\/image\/","url":"https:\/\/www.garciafaura.com\/wp-content\/uploads\/2018\/09\/Garcia-Faura.png","contentUrl":"https:\/\/www.garciafaura.com\/wp-content\/uploads\/2018\/09\/Garcia-Faura.png","width":512,"height":512,"caption":"GARCIA FAURA"},"image":{"@id":"https:\/\/www.garciafaura.com\/fr\/#\/schema\/logo\/image\/"},"sameAs":["https:\/\/www.youtube.com\/user\/GARCIAFAURA"]}]}},"_links":{"self":[{"href":"https:\/\/www.garciafaura.com\/es\/wp-json\/wp\/v2\/pages\/17241","targetHints":{"allow":["GET"]}}],"collection":[{"href":"https:\/\/www.garciafaura.com\/es\/wp-json\/wp\/v2\/pages"}],"about":[{"href":"https:\/\/www.garciafaura.com\/es\/wp-json\/wp\/v2\/types\/page"}],"author":[{"embeddable":true,"href":"https:\/\/www.garciafaura.com\/es\/wp-json\/wp\/v2\/users\/3"}],"replies":[{"embeddable":true,"href":"https:\/\/www.garciafaura.com\/es\/wp-json\/wp\/v2\/comments?post=17241"}],"version-history":[{"count":7,"href":"https:\/\/www.garciafaura.com\/es\/wp-json\/wp\/v2\/pages\/17241\/revisions"}],"predecessor-version":[{"id":23714,"href":"https:\/\/www.garciafaura.com\/es\/wp-json\/wp\/v2\/pages\/17241\/revisions\/23714"}],"wp:attachment":[{"href":"https:\/\/www.garciafaura.com\/es\/wp-json\/wp\/v2\/media?parent=17241"}],"curies":[{"name":"wp","href":"https:\/\/api.w.org\/{rel}","templated":true}]}}