{"id":17233,"date":"2019-02-21T18:30:46","date_gmt":"2019-02-21T18:30:46","guid":{"rendered":"https:\/\/www.garciafaura.com\/inicio\/"},"modified":"2026-03-03T17:12:06","modified_gmt":"2026-03-03T15:12:06","slug":"inicio","status":"publish","type":"page","link":"https:\/\/www.garciafaura.com\/es\/","title":{"rendered":"Inicio"},"content":{"rendered":"<div class=\"wpb-content-wrapper\">[vc_row full_width=\u00bbstretch_row_content\u00bb typography_style=\u00bbwhite\u00bb css=\u00bb.vc_custom_1543340787334{margin-right: 30px !important;background-color: #000000 !important;background-position: center !important;background-repeat: no-repeat !important;background-size: cover !important;}\u00bb][vc_column width=\u00bb1\/6&#8243; css=\u00bb.vc_custom_1543335477433{margin-left: 30px !important;}\u00bb]<div class=\"vcex-module vcex-teaser vcex-teaser-one vc_custom_1543344949047\"><div class=\"vcex-teaser-content clr\"><h1 class=\"vcex-teaser-heading\" style=\"font-weight:600;\">Edificios de Servicios y Equipamientos<\/h1><div class=\"vcex-teaser-text clr\"><p style=\"text-align: left\"><span style=\"font-family: 'Open Sans'\">Obra p\u00fablica y equipamientos al servicio del uso de la ciudadan\u00eda. Conocimiento y capacidad t\u00e9cnica al servicio de la edificaci\u00f3n.<\/span><\/p>\n<\/div><\/div><\/div><div class=\"vc_custom_1543345786144 wpex-clr\"><div class=\"textcenter theme-button-expanded-wrap theme-button-wrap clr\"><a href=\"https:\/\/www.garciafaura.com\/edificis-de-serveis-garcia-faura\/\" title=\"Tancaments per edificis de serveis i equipaments\" class=\"vcex-button theme-button minimal-border small align-center expanded animate-on-hover expanded\" data-wpex-hover='{&quot;background&quot;:&quot;#d7515e&quot;,&quot;color&quot;:&quot;#000000&quot;}'><span class=\"theme-button-inner\">+ Proyectos GARCIA FAURA<\/span><\/a><\/div><\/div> [\/vc_column][vc_column width=\u00bb5\/6&#8243;]<div class=\"vcex-spacing\" style=\"height:30px\"><\/div><div class=\"vcex-module wpex-carousel wpex-carousel-portfolio clr owl-carousel arrwstyle-min arrwpos-center\" data-wpex-carousel=\"{&quot;nav&quot;:true,&quot;dots&quot;:false,&quot;autoplay&quot;:false,&quot;loop&quot;:true,&quot;center&quot;:true,&quot;smartSpeed&quot;:100,&quot;items&quot;:3,&quot;slideBy&quot;:3,&quot;autoplayTimeout&quot;:5000,&quot;margin&quot;:5,&quot;itemsTablet&quot;:3,&quot;itemsMobileLandscape&quot;:2,&quot;itemsMobilePortrait&quot;:1,&quot;autoWidth&quot;:false,&quot;autoHeight&quot;:false}\"><div class=\"wpex-carousel-slide\"><div class=\"wpex-carousel-entry-media clr overlay-parent overlay-parent-title-excerpt-hover overlay-ms overlay-h\"><a href=\"https:\/\/www.garciafaura.com\/es\/portfolio-item\/nou-edifici-de-serveis-rcp\/\" title=\"Nuevo edificio de servicios RCP\" class=\"wpex-carousel-entry-img\"><img decoding=\"async\" data-no-lazy=\"1\" class=\"skip-lazy\" src=\"https:\/\/www.garciafaura.com\/wp-content\/uploads\/2023\/08\/Nou-edifici-de-serveis-Reial-Club-de-Polo-12-x.jpg\" alt='' data-no-retina \/>\n<div class=\"overlay-title-excerpt-hover overlay-hide theme-overlay textcenter\">\n\t<div class=\"overlay-table clr\">\n\t\t<div class=\"overlay-table-cell clr\">\n\t\t\t<div class=\"overlay-title\">Nuevo edificio de servicios RCP<\/div>\n\t\t\t<div class=\"overlay-excerpt\"><p>Cerramientos de aluminio y vidrio, y 320 metros cuadrados de muro cortina con perfiler\u00eda de&hellip;<\/p><\/div>\t\t<\/div>\n\t<\/div>\n<\/div><\/a><\/div><\/div><div class=\"wpex-carousel-slide\"><div class=\"wpex-carousel-entry-media clr overlay-parent overlay-parent-title-excerpt-hover overlay-ms overlay-h\"><a href=\"https:\/\/www.garciafaura.com\/es\/portfolio-item\/nova-seu-del-servei-demergencies-mediques\/\" title=\"Nueva sede del SEM\" class=\"wpex-carousel-entry-img\"><img decoding=\"async\" data-no-lazy=\"1\" class=\"skip-lazy\" src=\"https:\/\/www.garciafaura.com\/wp-content\/uploads\/2023\/07\/Seu-SEM-Garcia-Faura-23-x.jpg\" alt='' data-no-retina \/>\n<div class=\"overlay-title-excerpt-hover overlay-hide theme-overlay textcenter\">\n\t<div class=\"overlay-table clr\">\n\t\t<div class=\"overlay-table-cell clr\">\n\t\t\t<div class=\"overlay-title\">Nueva sede del SEM<\/div>\n\t\t\t<div class=\"overlay-excerpt\"><p>Desarrollo de muro cortina y envidriamiento, as\u00ed como parasol exterior de malla deploy\u00e9, para la&hellip;<\/p><\/div>\t\t<\/div>\n\t<\/div>\n<\/div><\/a><\/div><\/div><div class=\"wpex-carousel-slide\"><div class=\"wpex-carousel-entry-media clr overlay-parent overlay-parent-title-excerpt-hover overlay-ms overlay-h\"><a href=\"https:\/\/www.garciafaura.com\/es\/portfolio-item\/residencia-destudiants-valeo-22\/\" title=\"Residencia de estudiantes Valeo 22@\" class=\"wpex-carousel-entry-img\"><img decoding=\"async\" data-no-lazy=\"1\" class=\"skip-lazy\" src=\"https:\/\/www.garciafaura.com\/wp-content\/uploads\/2021\/10\/Residencia-Valeo-13-x.jpg\" alt='' data-no-retina \/>\n<div class=\"overlay-title-excerpt-hover overlay-hide theme-overlay textcenter\">\n\t<div class=\"overlay-table clr\">\n\t\t<div class=\"overlay-table-cell clr\">\n\t\t\t<div class=\"overlay-title\">Residencia de estudiantes Valeo 22@<\/div>\n\t\t\t<div class=\"overlay-excerpt\"><p>Fabricaci\u00f3n e instalaci\u00f3n de 600 cerramientos de aluminio y vidrio para residencia de estudiantes de&hellip;<\/p><\/div>\t\t<\/div>\n\t<\/div>\n<\/div><\/a><\/div><\/div><div class=\"wpex-carousel-slide\"><div class=\"wpex-carousel-entry-media clr overlay-parent overlay-parent-title-excerpt-hover overlay-ms overlay-h\"><a href=\"https:\/\/www.garciafaura.com\/es\/portfolio-item\/residencia-pallars-433\/\" title=\"Residencia de estudiantes Pallars 433\" class=\"wpex-carousel-entry-img\"><img decoding=\"async\" data-no-lazy=\"1\" class=\"skip-lazy\" src=\"https:\/\/www.garciafaura.com\/wp-content\/uploads\/2021\/08\/Residencia-Pallars-433-11-x.jpg\" alt='' data-no-retina \/>\n<div class=\"overlay-title-excerpt-hover overlay-hide theme-overlay textcenter\">\n\t<div class=\"overlay-table clr\">\n\t\t<div class=\"overlay-table-cell clr\">\n\t\t\t<div class=\"overlay-title\">Residencia de estudiantes Pallars 433<\/div>\n\t\t\t<div class=\"overlay-excerpt\"><p>Desarrollo, fabricaci\u00f3n e instalaci\u00f3n de cerramientos met\u00e1licos de las plantas inferiores de la residencia de&hellip;<\/p><\/div>\t\t<\/div>\n\t<\/div>\n<\/div><\/a><\/div><\/div><div class=\"wpex-carousel-slide\"><div class=\"wpex-carousel-entry-media clr overlay-parent overlay-parent-title-excerpt-hover overlay-ms overlay-h\"><a href=\"https:\/\/www.garciafaura.com\/es\/portfolio-item\/edifici-smart-bcn\/\" title=\"Edificio Smart BCN\" class=\"wpex-carousel-entry-img\"><img decoding=\"async\" data-no-lazy=\"1\" class=\"skip-lazy\" src=\"https:\/\/www.garciafaura.com\/wp-content\/uploads\/2021\/04\/Edifici-Smart-323-01-x.jpg\" alt='' data-no-retina \/>\n<div class=\"overlay-title-excerpt-hover overlay-hide theme-overlay textcenter\">\n\t<div class=\"overlay-table clr\">\n\t\t<div class=\"overlay-table-cell clr\">\n\t\t\t<div class=\"overlay-title\">Edificio Smart BCN<\/div>\n\t\t\t<div class=\"overlay-excerpt\"><p>Desarrollo, fabricaci\u00f3n e instalaci\u00f3n de 8.900 metros cuadrados de muro cortina, 1.100 metros cuadrados de&hellip;<\/p><\/div>\t\t<\/div>\n\t<\/div>\n<\/div><\/a><\/div><\/div><div class=\"wpex-carousel-slide\"><div class=\"wpex-carousel-entry-media clr overlay-parent overlay-parent-title-excerpt-hover overlay-ms overlay-h\"><a href=\"https:\/\/www.garciafaura.com\/es\/portfolio-item\/hospital-sjd-pediatric-cancer-center-de-barcelona\/\" title=\"Hospital SJD Pediatric Cancer Center BCN\" class=\"wpex-carousel-entry-img\"><img decoding=\"async\" data-no-lazy=\"1\" class=\"skip-lazy\" src=\"https:\/\/www.garciafaura.com\/wp-content\/uploads\/2021\/01\/Pediatric-Centre-Sant-Joan-Deu-42-x.jpg\" alt='' data-no-retina \/>\n<div class=\"overlay-title-excerpt-hover overlay-hide theme-overlay textcenter\">\n\t<div class=\"overlay-table clr\">\n\t\t<div class=\"overlay-table-cell clr\">\n\t\t\t<div class=\"overlay-title\">Hospital SJD Pediatric Cancer Center BCN<\/div>\n\t\t\t<div class=\"overlay-excerpt\"><p>Muros cortina, cerramientos, vidrier\u00eda y trabajos met\u00e1licos de fachada para el nuevo Hospital Pedi\u00e1trico de&hellip;<\/p><\/div>\t\t<\/div>\n\t<\/div>\n<\/div><\/a><\/div><\/div><div class=\"wpex-carousel-slide\"><div class=\"wpex-carousel-entry-media clr overlay-parent overlay-parent-title-excerpt-hover overlay-ms overlay-h\"><a href=\"https:\/\/www.garciafaura.com\/es\/portfolio-item\/complejo-de-oficinas-y-hotel-en-luxemburgo\/\" title=\"Oficinas y hotel en Luxemburgo\" class=\"wpex-carousel-entry-img\"><img decoding=\"async\" data-no-lazy=\"1\" class=\"skip-lazy\" src=\"https:\/\/www.garciafaura.com\/wp-content\/uploads\/2021\/01\/OBH-Luxemburg-08-x.jpg\" alt='' data-no-retina \/>\n<div class=\"overlay-title-excerpt-hover overlay-hide theme-overlay textcenter\">\n\t<div class=\"overlay-table clr\">\n\t\t<div class=\"overlay-table-cell clr\">\n\t\t\t<div class=\"overlay-title\">Oficinas y hotel en Luxemburgo<\/div>\n\t\t\t<div class=\"overlay-excerpt\"><p>Trabajos para un complejo de oficinas y hotel en el prestigioso barrio de Kirchberg, en&hellip;<\/p><\/div>\t\t<\/div>\n\t<\/div>\n<\/div><\/a><\/div><\/div><div class=\"wpex-carousel-slide\"><div class=\"wpex-carousel-entry-media clr overlay-parent overlay-parent-title-excerpt-hover overlay-ms overlay-h\"><a href=\"https:\/\/www.garciafaura.com\/es\/portfolio-item\/proyecto-morland\/\" title=\"Proyecto Morland\" class=\"wpex-carousel-entry-img\"><img decoding=\"async\" data-no-lazy=\"1\" class=\"skip-lazy\" src=\"https:\/\/www.garciafaura.com\/wp-content\/uploads\/2022\/06\/Morland01-x.jpg\" alt='' data-no-retina \/>\n<div class=\"overlay-title-excerpt-hover overlay-hide theme-overlay textcenter\">\n\t<div class=\"overlay-table clr\">\n\t\t<div class=\"overlay-table-cell clr\">\n\t\t\t<div class=\"overlay-title\">Proyecto Morland<\/div>\n\t\t\t<div class=\"overlay-excerpt\"><p>GARCIA FAURA ha participado en la rehabilitaci\u00f3n estructural y arquitect\u00f3nica de Morland Mixit\u00e9 Capitale, la&hellip;<\/p><\/div>\t\t<\/div>\n\t<\/div>\n<\/div><\/a><\/div><\/div><div class=\"wpex-carousel-slide\"><div class=\"wpex-carousel-entry-media clr overlay-parent overlay-parent-title-excerpt-hover overlay-ms overlay-h\"><a href=\"https:\/\/www.garciafaura.com\/es\/portfolio-item\/campus-condorcet\/\" title=\"Campus Condorcet\" class=\"wpex-carousel-entry-img\"><img loading=\"lazy\" decoding=\"async\" data-no-lazy=\"1\" class=\"skip-lazy\" src=\"https:\/\/www.garciafaura.com\/wp-content\/uploads\/2019\/04\/01-CampusCondorcet_FotoSimonGarcia_arqfoto-1200x628.jpg\" alt='' data-no-retina width=\"1200\" height=\"628\" \/>\n<div class=\"overlay-title-excerpt-hover overlay-hide theme-overlay textcenter\">\n\t<div class=\"overlay-table clr\">\n\t\t<div class=\"overlay-table-cell clr\">\n\t\t\t<div class=\"overlay-title\">Campus Condorcet<\/div>\n\t\t\t<div class=\"overlay-excerpt\"><p>A\u00f1o de finalizaci\u00f3n: 2019\u00a0Arquitecto: Brunet Saunier Architecture Superficie de intervenci\u00f3n:\u00a0Muro cortina: 1.500 m\u00b2 | Cerramientos:&hellip;<\/p><\/div>\t\t<\/div>\n\t<\/div>\n<\/div><\/a><\/div><\/div><div class=\"wpex-carousel-slide\"><div class=\"wpex-carousel-entry-media clr overlay-parent overlay-parent-title-excerpt-hover overlay-ms overlay-h\"><a href=\"https:\/\/www.garciafaura.com\/es\/portfolio-item\/tanatorio-de-terrassa\/\" title=\"Tanatorio de Terrassa\" class=\"wpex-carousel-entry-img\"><img decoding=\"async\" data-no-lazy=\"1\" class=\"skip-lazy\" src=\"https:\/\/www.garciafaura.com\/wp-content\/uploads\/2018\/12\/Tanatori-Terrassa-01-x.jpg\" alt=\"Trabajos De Aluminio Y Vidrio En Este Equipamiento Funerario\" data-no-retina \/>\n<div class=\"overlay-title-excerpt-hover overlay-hide theme-overlay textcenter\">\n\t<div class=\"overlay-table clr\">\n\t\t<div class=\"overlay-table-cell clr\">\n\t\t\t<div class=\"overlay-title\">Tanatorio de Terrassa<\/div>\n\t\t\t<div class=\"overlay-excerpt\"><p>A\u00f1o de finalizaci\u00f3n: 2018\u00a0Arquitecto: Batlle i Roig Arquitectes\u00a0Superficie de intervenci\u00f3n:\u00a0Cerramientos: 275 m\u00b2 El Tanatorio Municipal&hellip;<\/p><\/div>\t\t<\/div>\n\t<\/div>\n<\/div><\/a><\/div><\/div><div class=\"wpex-carousel-slide\"><div class=\"wpex-carousel-entry-media clr overlay-parent overlay-parent-title-excerpt-hover overlay-ms overlay-h\"><a href=\"https:\/\/www.garciafaura.com\/es\/portfolio-item\/fira-barcelona-gran-via\/\" title=\"Fira Barcelona Gran Via\" class=\"wpex-carousel-entry-img\"><img decoding=\"async\" data-no-lazy=\"1\" class=\"skip-lazy\" src=\"https:\/\/www.garciafaura.com\/wp-content\/uploads\/2018\/11\/Fira-de-Barcelona-00-x.jpg\" alt=\"Muro Cortina Y Cerramientos Del Pabell\u00f3n Fira 2 Dise\u00f1ado Por El Arquitecto Toyo Ito\" data-no-retina \/>\n<div class=\"overlay-title-excerpt-hover overlay-hide theme-overlay textcenter\">\n\t<div class=\"overlay-table clr\">\n\t\t<div class=\"overlay-table-cell clr\">\n\t\t\t<div class=\"overlay-title\">Fira Barcelona Gran Via<\/div>\n\t\t\t<div class=\"overlay-excerpt\"><p>L'Hospitalet de Llobregat. A\u00f1o de finalizaci\u00f3n: 2007 Arquitecto: Toyo Ito Obra del arquitecto Toyo Ito.&hellip;<\/p><\/div>\t\t<\/div>\n\t<\/div>\n<\/div><\/a><\/div><\/div><div class=\"wpex-carousel-slide\"><div class=\"wpex-carousel-entry-media clr overlay-parent overlay-parent-title-excerpt-hover overlay-ms overlay-h\"><a href=\"https:\/\/www.garciafaura.com\/es\/portfolio-item\/ciudad-de-la-justicia-de-barcelona\/\" title=\"Ciudad de la Justicia de Barcelona\" class=\"wpex-carousel-entry-img\"><img decoding=\"async\" data-no-lazy=\"1\" class=\"skip-lazy\" src=\"https:\/\/www.garciafaura.com\/wp-content\/uploads\/2019\/03\/CiutatJusticia-x.jpg\" alt='' data-no-retina \/>\n<div class=\"overlay-title-excerpt-hover overlay-hide theme-overlay textcenter\">\n\t<div class=\"overlay-table clr\">\n\t\t<div class=\"overlay-table-cell clr\">\n\t\t\t<div class=\"overlay-title\">Ciudad de la Justicia de Barcelona<\/div>\n\t\t\t<div class=\"overlay-excerpt\"><p>Barcelona. A\u00f1o de finalizaci\u00f3n: 2009 Arquitecto: David Chipperfield \/ Estudi b720 Superficie de intervenci\u00f3n: Cerramientos:&hellip;<\/p><\/div>\t\t<\/div>\n\t<\/div>\n<\/div><\/a><\/div><\/div><div class=\"wpex-carousel-slide\"><div class=\"wpex-carousel-entry-media clr overlay-parent overlay-parent-title-excerpt-hover overlay-ms overlay-h\"><a href=\"https:\/\/www.garciafaura.com\/es\/portfolio-item\/centro-penitenciario-mas-denric\/\" title=\"Centro Penitenciario Mas d&#8217;Enric\" class=\"wpex-carousel-entry-img\"><img decoding=\"async\" data-no-lazy=\"1\" class=\"skip-lazy\" src=\"https:\/\/www.garciafaura.com\/wp-content\/uploads\/2018\/11\/Centre-Penitenciari-Tarragona-01-x.jpg\" alt=\"Conjunto De Cerramientos Interiores Y Exteriores Del Nuevo Centro Penitenciario Mas D'Enric\" data-no-retina \/>\n<div class=\"overlay-title-excerpt-hover overlay-hide theme-overlay textcenter\">\n\t<div class=\"overlay-table clr\">\n\t\t<div class=\"overlay-table-cell clr\">\n\t\t\t<div class=\"overlay-title\">Centro Penitenciario Mas d&#8217;Enric<\/div>\n\t\t\t<div class=\"overlay-excerpt\"><p>A\u00f1o de finalizaci\u00f3n: 2012 Especialistas en trabajos de hierro y acero inoxidable para centros penitenciarios.&hellip;<\/p><\/div>\t\t<\/div>\n\t<\/div>\n<\/div><\/a><\/div><\/div><div class=\"wpex-carousel-slide\"><div class=\"wpex-carousel-entry-media clr overlay-parent overlay-parent-title-excerpt-hover overlay-ms overlay-h\"><a href=\"https:\/\/www.garciafaura.com\/es\/portfolio-item\/terminal-grimaldi\/\" title=\"Terminal Grimaldi\" class=\"wpex-carousel-entry-img\"><img decoding=\"async\" data-no-lazy=\"1\" class=\"skip-lazy\" src=\"https:\/\/www.garciafaura.com\/wp-content\/uploads\/2018\/11\/Terminal-Grimaldi-19-x.jpg\" alt=\"Nueva Terminal De La Compa\u00f1\u00eda Grimaldi En El Puerto De Barcelona\" data-no-retina \/>\n<div class=\"overlay-title-excerpt-hover overlay-hide theme-overlay textcenter\">\n\t<div class=\"overlay-table clr\">\n\t\t<div class=\"overlay-table-cell clr\">\n\t\t\t<div class=\"overlay-title\">Terminal Grimaldi<\/div>\n\t\t\t<div class=\"overlay-excerpt\"><p>Barcelona. A\u00f1o de finalizaci\u00f3n: 2013 Arquitecto: Yannic Lev\u00eaque Superficie de intervenci\u00f3n: Cerramientos: 386 m\u00b2 |&hellip;<\/p><\/div>\t\t<\/div>\n\t<\/div>\n<\/div><\/a><\/div><\/div><div class=\"wpex-carousel-slide\"><div class=\"wpex-carousel-entry-media clr overlay-parent overlay-parent-title-excerpt-hover overlay-ms overlay-h\"><a href=\"https:\/\/www.garciafaura.com\/es\/portfolio-item\/ctm-centro-tecnologico-de-manresa\/\" title=\"CTM Centro Tecnol\u00f3gico de Manresa\" class=\"wpex-carousel-entry-img\"><img decoding=\"async\" data-no-lazy=\"1\" class=\"skip-lazy\" src=\"https:\/\/www.garciafaura.com\/wp-content\/uploads\/2018\/11\/Centre-Tecnolo\u0300gic-Manresa-19-x.jpg\" alt=\"Fabricaci\u00f3n E Instalaci\u00f3n De Cerramientos, Muro Cortina Y Revestimiento Fachada\" data-no-retina \/>\n<div class=\"overlay-title-excerpt-hover overlay-hide theme-overlay textcenter\">\n\t<div class=\"overlay-table clr\">\n\t\t<div class=\"overlay-table-cell clr\">\n\t\t\t<div class=\"overlay-title\">CTM Centro Tecnol\u00f3gico de Manresa<\/div>\n\t\t\t<div class=\"overlay-excerpt\"><p>Manresa. A\u00f1o de finalizaci\u00f3n: 2013 Arquitectos: Eduard Gasc\u00f3n y Jordi Roig Superficie de intervenci\u00f3n: Cerramientos:&hellip;<\/p><\/div>\t\t<\/div>\n\t<\/div>\n<\/div><\/a><\/div><\/div><div class=\"wpex-carousel-slide\"><div class=\"wpex-carousel-entry-media clr overlay-parent overlay-parent-title-excerpt-hover overlay-ms overlay-h\"><a href=\"https:\/\/www.garciafaura.com\/es\/portfolio-item\/instituto-esteve-albert\/\" title=\"Instituto Esteve Albert\" class=\"wpex-carousel-entry-img\"><img loading=\"lazy\" decoding=\"async\" data-no-lazy=\"1\" class=\"skip-lazy\" src=\"https:\/\/www.garciafaura.com\/wp-content\/uploads\/2018\/11\/Institut-Sant-Vicenc\u0327-Montalt-12.jpg\" alt=\"Cerramientos De Aluminio Del Nuevo Centro Educativo De Sant Vicen\u00e7 De Montalt\" data-no-retina width=\"1200\" height=\"629\" \/>\n<div class=\"overlay-title-excerpt-hover overlay-hide theme-overlay textcenter\">\n\t<div class=\"overlay-table clr\">\n\t\t<div class=\"overlay-table-cell clr\">\n\t\t\t<div class=\"overlay-title\">Instituto Esteve Albert<\/div>\n\t\t\t<div class=\"overlay-excerpt\"><p>Sant Vicen\u00e7 de Montalt. A\u00f1o de finalizaci\u00f3n: 2015 Arquitecto: Estudi Nao + Jos\u00e9 Mar\u00eda Guti\u00e9rrez&hellip;<\/p><\/div>\t\t<\/div>\n\t<\/div>\n<\/div><\/a><\/div><\/div><div class=\"wpex-carousel-slide\"><div class=\"wpex-carousel-entry-media clr overlay-parent overlay-parent-title-excerpt-hover overlay-ms overlay-h\"><a href=\"https:\/\/www.garciafaura.com\/es\/portfolio-item\/centro-gestion-aeroportuaria-de-colombia\/\" title=\"Centro Gesti\u00f3n Aeroportuaria de Colombia\" class=\"wpex-carousel-entry-img\"><img loading=\"lazy\" decoding=\"async\" data-no-lazy=\"1\" class=\"skip-lazy\" src=\"https:\/\/www.garciafaura.com\/wp-content\/uploads\/2018\/10\/Centro-Gestio\u0301n-Aeroportuaria-01.jpg\" alt=\"Fachadas Y Cerramientos A La Ampliaci\u00f3n Del Aeropuerto Internacional El Dorado\" data-no-retina width=\"1200\" height=\"629\" \/>\n<div class=\"overlay-title-excerpt-hover overlay-hide theme-overlay textcenter\">\n\t<div class=\"overlay-table clr\">\n\t\t<div class=\"overlay-table-cell clr\">\n\t\t\t<div class=\"overlay-title\">Centro Gesti\u00f3n Aeroportuaria de Colombia<\/div>\n\t\t\t<div class=\"overlay-excerpt\"><p>Bogot\u00e1 D.C. (Colombia). A\u00f1o de finalizaci\u00f3n: 2015 Arquitecto: Esteban Rodr\u00edguez Soto | Sener - Incoplan&hellip;<\/p><\/div>\t\t<\/div>\n\t<\/div>\n<\/div><\/a><\/div><\/div><div class=\"wpex-carousel-slide\"><div class=\"wpex-carousel-entry-media clr overlay-parent overlay-parent-title-excerpt-hover overlay-ms overlay-h\"><a href=\"https:\/\/www.garciafaura.com\/es\/portfolio-item\/torre-de-control-aeropuerto-el-dorado\/\" title=\"Torre de Control Aeropuerto El Dorado\" class=\"wpex-carousel-entry-img\"><img decoding=\"async\" data-no-lazy=\"1\" class=\"skip-lazy\" src=\"https:\/\/www.garciafaura.com\/wp-content\/uploads\/2018\/10\/Colo\u0300mbia-Torre-Control-El-Dorado-02-x.jpg\" alt=\"Revestimiento Y Trabajos En Altura En Torre De Control Aeropuerto Bogot\u00e1\" data-no-retina \/>\n<div class=\"overlay-title-excerpt-hover overlay-hide theme-overlay textcenter\">\n\t<div class=\"overlay-table clr\">\n\t\t<div class=\"overlay-table-cell clr\">\n\t\t\t<div class=\"overlay-title\">Torre de Control Aeropuerto El Dorado<\/div>\n\t\t\t<div class=\"overlay-excerpt\"><p>Bogot\u00e1 D.C. (Colombia). A\u00f1o de finalizaci\u00f3n: 2016 Arquitecto: Bruce S. Fairbanks | INECO Superficie de&hellip;<\/p><\/div>\t\t<\/div>\n\t<\/div>\n<\/div><\/a><\/div><\/div><div class=\"wpex-carousel-slide\"><div class=\"wpex-carousel-entry-media clr overlay-parent overlay-parent-title-excerpt-hover overlay-ms overlay-h\"><a href=\"https:\/\/www.garciafaura.com\/es\/portfolio-item\/complejo-deportivo-podium\/\" title=\"Complejo deportivo P\u00f2dium\" class=\"wpex-carousel-entry-img\"><img decoding=\"async\" data-no-lazy=\"1\" class=\"skip-lazy\" src=\"https:\/\/www.garciafaura.com\/wp-content\/uploads\/2018\/10\/Po\u0300dium-Viladecans-06-x.jpg\" alt=\"Cerramientos Y Muros Cortina De Este Nuevo Complejo Deportivo En Viladecans\" data-no-retina \/>\n<div class=\"overlay-title-excerpt-hover overlay-hide theme-overlay textcenter\">\n\t<div class=\"overlay-table clr\">\n\t\t<div class=\"overlay-table-cell clr\">\n\t\t\t<div class=\"overlay-title\">Complejo deportivo P\u00f2dium<\/div>\n\t\t\t<div class=\"overlay-excerpt\"><p>Viladecans. A\u00f1o de finalizaci\u00f3n: 2015 Arquitecto: Brullet - De Luna Superficie de intervenci\u00f3n: Cerramientos: 2.000&hellip;<\/p><\/div>\t\t<\/div>\n\t<\/div>\n<\/div><\/a><\/div><\/div><div class=\"wpex-carousel-slide\"><div class=\"wpex-carousel-entry-media clr overlay-parent overlay-parent-title-excerpt-hover overlay-ms overlay-h\"><a href=\"https:\/\/www.garciafaura.com\/es\/portfolio-item\/tanatorio-lhospitalet-ronda\/\" title=\"Tanatorio L&#8217;Hospitalet Ronda\" class=\"wpex-carousel-entry-img\"><img decoding=\"async\" data-no-lazy=\"1\" class=\"skip-lazy\" src=\"https:\/\/www.garciafaura.com\/wp-content\/uploads\/2018\/10\/Tanatori-Hospitalet-Ronda-02-x.jpg\" alt=\"Cerramientos De Aluminio, Muro Cortina, Lucernas Y Mamparas De Este Nuevo Equipamiento.\" data-no-retina \/>\n<div class=\"overlay-title-excerpt-hover overlay-hide theme-overlay textcenter\">\n\t<div class=\"overlay-table clr\">\n\t\t<div class=\"overlay-table-cell clr\">\n\t\t\t<div class=\"overlay-title\">Tanatorio L&#8217;Hospitalet Ronda<\/div>\n\t\t\t<div class=\"overlay-excerpt\"><p>L'Hospitalet de Llobregat. A\u00f1o de finalizaci\u00f3n: 2015 Arquitecto: Ribas &amp; Ribas Superficie de intervenci\u00f3n: Cerramientos:&hellip;<\/p><\/div>\t\t<\/div>\n\t<\/div>\n<\/div><\/a><\/div><\/div><div class=\"wpex-carousel-slide\"><div class=\"wpex-carousel-entry-media clr overlay-parent overlay-parent-title-excerpt-hover overlay-ms overlay-h\"><a href=\"https:\/\/www.garciafaura.com\/es\/portfolio-item\/ampliacion-facultad-derecho-ub\/\" title=\"Ampliaci\u00f3n Facultad Derecho UB\" class=\"wpex-carousel-entry-img\"><img decoding=\"async\" data-no-lazy=\"1\" class=\"skip-lazy\" src=\"https:\/\/www.garciafaura.com\/wp-content\/uploads\/2018\/10\/Ampliacio-Facultat-Dret-UB-01-x.jpg\" alt=\"Muro Cortina De La Nueva Facultad De Derecho De La Universitat De Barcelona\" data-no-retina \/>\n<div class=\"overlay-title-excerpt-hover overlay-hide theme-overlay textcenter\">\n\t<div class=\"overlay-table clr\">\n\t\t<div class=\"overlay-table-cell clr\">\n\t\t\t<div class=\"overlay-title\">Ampliaci\u00f3n Facultad Derecho UB<\/div>\n\t\t\t<div class=\"overlay-excerpt\"><p>Barcelona. A\u00f1o de finalizaci\u00f3n: 2017 Arquitecto: Jordi Marc\u00e8 Superficie de intervenci\u00f3n: Muro cortina: 7.500m\u00b2 |&hellip;<\/p><\/div>\t\t<\/div>\n\t<\/div>\n<\/div><\/a><\/div><\/div><div class=\"wpex-carousel-slide\"><div class=\"wpex-carousel-entry-media clr overlay-parent overlay-parent-title-excerpt-hover overlay-ms overlay-h\"><a href=\"https:\/\/www.garciafaura.com\/es\/portfolio-item\/nueva-escuela-massana\/\" title=\"Nueva Escuela Massana\" class=\"wpex-carousel-entry-img\"><img loading=\"lazy\" decoding=\"async\" data-no-lazy=\"1\" class=\"skip-lazy\" src=\"https:\/\/www.garciafaura.com\/wp-content\/uploads\/2018\/10\/Nova-Escola-Massana-01.jpg\" alt=\"Muro Cortina Y Cerramientos Del Nuevo Edificio Del Centro De Arte Y Dise\u00f1o\" data-no-retina width=\"1200\" height=\"627\" \/>\n<div class=\"overlay-title-excerpt-hover overlay-hide theme-overlay textcenter\">\n\t<div class=\"overlay-table clr\">\n\t\t<div class=\"overlay-table-cell clr\">\n\t\t\t<div class=\"overlay-title\">Nueva Escuela Massana<\/div>\n\t\t\t<div class=\"overlay-excerpt\"><p>Barcelona. A\u00f1o de finalizaci\u00f3n: 2017 Arquitecta: Carme Pin\u00f3s Superficie de intervenci\u00f3n: Cerramientos: 1.775 m\u00b2| Muro&hellip;<\/p><\/div>\t\t<\/div>\n\t<\/div>\n<\/div><\/a><\/div><\/div><div class=\"wpex-carousel-slide\"><div class=\"wpex-carousel-entry-media clr overlay-parent overlay-parent-title-excerpt-hover overlay-ms overlay-h\"><a href=\"https:\/\/www.garciafaura.com\/es\/portfolio-item\/escuela-betania-patmos\/\" title=\"Escuela Bet\u00e0nia Patmos\" class=\"wpex-carousel-entry-img\"><img decoding=\"async\" data-no-lazy=\"1\" class=\"skip-lazy\" src=\"https:\/\/www.garciafaura.com\/wp-content\/uploads\/2018\/09\/Escola-Betania-Patmos-02-x.jpg\" alt=\"Cerramientos, Lucernario Y Fachada De Lamas Solares\" data-no-retina \/>\n<div class=\"overlay-title-excerpt-hover overlay-hide theme-overlay textcenter\">\n\t<div class=\"overlay-table clr\">\n\t\t<div class=\"overlay-table-cell clr\">\n\t\t\t<div class=\"overlay-title\">Escuela Bet\u00e0nia Patmos<\/div>\n\t\t\t<div class=\"overlay-excerpt\"><p>Barcelona. A\u00f1o de finalizaci\u00f3n: 2017 Arquitecto: Capilla-M\u00f3naco Arquitectos Superf\u00edcie de intervenci\u00f3n: Cerramientos exteriores: 800 m\u00b2|&hellip;<\/p><\/div>\t\t<\/div>\n\t<\/div>\n<\/div><\/a><\/div><\/div><div class=\"wpex-carousel-slide\"><div class=\"wpex-carousel-entry-media clr overlay-parent overlay-parent-title-excerpt-hover overlay-ms overlay-h\"><a href=\"https:\/\/www.garciafaura.com\/es\/portfolio-item\/tanatorio-sancho-de-avila\/\" title=\"Tanatorio Sancho de \u00c1vila\" class=\"wpex-carousel-entry-img\"><img decoding=\"async\" data-no-lazy=\"1\" class=\"skip-lazy\" src=\"https:\/\/www.garciafaura.com\/wp-content\/uploads\/2018\/09\/Tanatori-Sancho-de-Avila-01-x.jpg\" alt=\"Cerramientos De Aluminio Y Muro Cortina De Este Nuevo Equipamiento\" data-no-retina \/>\n<div class=\"overlay-title-excerpt-hover overlay-hide theme-overlay textcenter\">\n\t<div class=\"overlay-table clr\">\n\t\t<div class=\"overlay-table-cell clr\">\n\t\t\t<div class=\"overlay-title\">Tanatorio Sancho de \u00c1vila<\/div>\n\t\t\t<div class=\"overlay-excerpt\"><p>Barcelona. A\u00f1o de finalizaci\u00f3n: 2018 Arquitecto: JF Arquitectes Superf\u00edcie de intervenci\u00f3n: Cerramientos: 450 m\u00b2| Muro&hellip;<\/p><\/div>\t\t<\/div>\n\t<\/div>\n<\/div><\/a><\/div><\/div><div class=\"wpex-carousel-slide\"><div class=\"wpex-carousel-entry-media clr overlay-parent overlay-parent-title-excerpt-hover overlay-ms overlay-h\"><a href=\"https:\/\/www.garciafaura.com\/es\/portfolio-item\/ampliacion-oceanario-de-lisboa\/\" title=\"Ampliaci\u00f3n Oceanario de Lisboa\" class=\"wpex-carousel-entry-img\"><img decoding=\"async\" data-no-lazy=\"1\" class=\"skip-lazy\" src=\"https:\/\/www.garciafaura.com\/wp-content\/uploads\/2018\/09\/Oceanario-Lisboa-04-x.jpg\" alt=\"Muro Cortina En La Capital De Portugal.\" data-no-retina \/>\n<div class=\"overlay-title-excerpt-hover overlay-hide theme-overlay textcenter\">\n\t<div class=\"overlay-table clr\">\n\t\t<div class=\"overlay-table-cell clr\">\n\t\t\t<div class=\"overlay-title\">Ampliaci\u00f3n Oceanario de Lisboa<\/div>\n\t\t\t<div class=\"overlay-excerpt\"><p>Lisboa (Portugal). A\u00f1o de finalizaci\u00f3n: 2018 Arquitecto: Peter Chermayeff Superf\u00edcie de intervenci\u00f3n: Cerramientos: 60 m\u00b2|&hellip;<\/p><\/div>\t\t<\/div>\n\t<\/div>\n<\/div><\/a><\/div><\/div><\/div>[\/vc_column][\/vc_row][vc_row full_width=\u00bbstretch_row_content\u00bb typography_style=\u00bbwhite\u00bb css=\u00bb.vc_custom_1543336958370{margin-right: 30px !important;margin-left: 15px !important;background-color: #000000 !important;background-position: center !important;background-repeat: no-repeat !important;background-size: cover !important;}\u00bb][vc_column width=\u00bb5\/6&#8243; css=\u00bb.vc_custom_1543335477433{margin-left: 30px !important;}\u00bb]<div class=\"vcex-spacing\" style=\"height:30px\"><\/div><div class=\"vcex-module wpex-carousel wpex-carousel-portfolio clr owl-carousel arrwstyle-min arrwpos-center\" data-wpex-carousel=\"{&quot;nav&quot;:true,&quot;dots&quot;:false,&quot;autoplay&quot;:false,&quot;loop&quot;:true,&quot;center&quot;:true,&quot;smartSpeed&quot;:120,&quot;items&quot;:3,&quot;slideBy&quot;:3,&quot;autoplayTimeout&quot;:5000,&quot;margin&quot;:5,&quot;itemsTablet&quot;:3,&quot;itemsMobileLandscape&quot;:2,&quot;itemsMobilePortrait&quot;:1,&quot;autoWidth&quot;:false,&quot;autoHeight&quot;:false}\"><div class=\"wpex-carousel-slide\"><div class=\"wpex-carousel-entry-media clr overlay-parent overlay-parent-title-excerpt-hover overlay-ms overlay-h\"><a href=\"https:\/\/www.garciafaura.com\/es\/portfolio-item\/transformacio-edifici-estel\/\" title=\"Rehabilitaci\u00f3n edificio Estel\" class=\"wpex-carousel-entry-img\"><img decoding=\"async\" data-no-lazy=\"1\" class=\"skip-lazy\" src=\"https:\/\/www.garciafaura.com\/wp-content\/uploads\/2024\/01\/Rehab-edifici-Estel-02-x.jpg\" alt='' data-no-retina \/>\n<div class=\"overlay-title-excerpt-hover overlay-hide theme-overlay textcenter\">\n\t<div class=\"overlay-table clr\">\n\t\t<div class=\"overlay-table-cell clr\">\n\t\t\t<div class=\"overlay-title\">Rehabilitaci\u00f3n edificio Estel<\/div>\n\t\t\t<div class=\"overlay-excerpt\"><p>Rehabilitaci\u00f3n integral del edificio Estel de Barcelona. GARCIA FAURA ha llevado a cabo la construcci\u00f3n&hellip;<\/p><\/div>\t\t<\/div>\n\t<\/div>\n<\/div><\/a><\/div><\/div><div class=\"wpex-carousel-slide\"><div class=\"wpex-carousel-entry-media clr overlay-parent overlay-parent-title-excerpt-hover overlay-ms overlay-h\"><a href=\"https:\/\/www.garciafaura.com\/es\/portfolio-item\/complex-doficines-nubiola-22\/\" title=\"Complejo de oficines Nubiola 22@\" class=\"wpex-carousel-entry-img\"><img decoding=\"async\" data-no-lazy=\"1\" class=\"skip-lazy\" src=\"https:\/\/www.garciafaura.com\/wp-content\/uploads\/2023\/10\/Complex-oficines-22@-01-x.jpg\" alt='' data-no-retina \/>\n<div class=\"overlay-title-excerpt-hover overlay-hide theme-overlay textcenter\">\n\t<div class=\"overlay-table clr\">\n\t\t<div class=\"overlay-table-cell clr\">\n\t\t\t<div class=\"overlay-title\">Complejo de oficines Nubiola 22@<\/div>\n\t\t\t<div class=\"overlay-excerpt\"><p>Desarrollo y ejecuci\u00f3n de las envolventes, los cerramientos y la vidrier\u00eda de uno de les&hellip;<\/p><\/div>\t\t<\/div>\n\t<\/div>\n<\/div><\/a><\/div><\/div><div class=\"wpex-carousel-slide\"><div class=\"wpex-carousel-entry-media clr overlay-parent overlay-parent-title-excerpt-hover overlay-ms overlay-h\"><a href=\"https:\/\/www.garciafaura.com\/es\/portfolio-item\/rehabilitacio-oficines-balmes\/\" title=\"Rehabilitaci\u00f3n Oficinas Balmes\" class=\"wpex-carousel-entry-img\"><img decoding=\"async\" data-no-lazy=\"1\" class=\"skip-lazy\" src=\"https:\/\/www.garciafaura.com\/wp-content\/uploads\/2022\/06\/Oficines-Balmes-89-05-x.jpg\" alt='' data-no-retina \/>\n<div class=\"overlay-title-excerpt-hover overlay-hide theme-overlay textcenter\">\n\t<div class=\"overlay-table clr\">\n\t\t<div class=\"overlay-table-cell clr\">\n\t\t\t<div class=\"overlay-title\">Rehabilitaci\u00f3n Oficinas Balmes<\/div>\n\t\t\t<div class=\"overlay-excerpt\"><p>Rehabilitaci\u00f3n de fachada, con muro cortina y soluci\u00f3n de doble piel con paneles de lamas&hellip;<\/p><\/div>\t\t<\/div>\n\t<\/div>\n<\/div><\/a><\/div><\/div><div class=\"wpex-carousel-slide\"><div class=\"wpex-carousel-entry-media clr overlay-parent overlay-parent-title-excerpt-hover overlay-ms overlay-h\"><a href=\"https:\/\/www.garciafaura.com\/es\/portfolio-item\/ampliacio-oficines-lidl-montcada\/\" title=\"Ampliaci\u00f3n oficinas Lidl Montcada\" class=\"wpex-carousel-entry-img\"><img decoding=\"async\" data-no-lazy=\"1\" class=\"skip-lazy\" src=\"https:\/\/www.garciafaura.com\/wp-content\/uploads\/2021\/10\/Oficines-Lidl-Montcada-02-x.jpg\" alt='' data-no-retina \/>\n<div class=\"overlay-title-excerpt-hover overlay-hide theme-overlay textcenter\">\n\t<div class=\"overlay-table clr\">\n\t\t<div class=\"overlay-table-cell clr\">\n\t\t\t<div class=\"overlay-title\">Ampliaci\u00f3n oficinas Lidl Montcada<\/div>\n\t\t\t<div class=\"overlay-excerpt\"><p>Muros cortina, revestimiento de fachadas, celos\u00edas y cerramientos met\u00e1licos para el proyecto de ampliaci\u00f3n de&hellip;<\/p><\/div>\t\t<\/div>\n\t<\/div>\n<\/div><\/a><\/div><\/div><div class=\"wpex-carousel-slide\"><div class=\"wpex-carousel-entry-media clr overlay-parent overlay-parent-title-excerpt-hover overlay-ms overlay-h\"><a href=\"https:\/\/www.garciafaura.com\/es\/portfolio-item\/complex-doficines-22\/\" title=\"Oficinas Pallars 180\" class=\"wpex-carousel-entry-img\"><img decoding=\"async\" data-no-lazy=\"1\" class=\"skip-lazy\" src=\"https:\/\/www.garciafaura.com\/wp-content\/uploads\/2021\/10\/Oficines-Pallars-180-22@-01-x.jpg\" alt='' data-no-retina \/>\n<div class=\"overlay-title-excerpt-hover overlay-hide theme-overlay textcenter\">\n\t<div class=\"overlay-table clr\">\n\t\t<div class=\"overlay-table-cell clr\">\n\t\t\t<div class=\"overlay-title\">Oficinas Pallars 180<\/div>\n\t\t\t<div class=\"overlay-excerpt\"><p>Desarrollo y ejecuci\u00f3n de cerramientos y vidrio del complejo de oficinas situado en la calle&hellip;<\/p><\/div>\t\t<\/div>\n\t<\/div>\n<\/div><\/a><\/div><\/div><div class=\"wpex-carousel-slide\"><div class=\"wpex-carousel-entry-media clr overlay-parent overlay-parent-title-excerpt-hover overlay-ms overlay-h\"><a href=\"https:\/\/www.garciafaura.com\/es\/portfolio-item\/edificio-de-oficinas-europa-building-lhospitalet\/\" title=\"Edificio de oficinas Europa Building L&#8217;H\" class=\"wpex-carousel-entry-img\"><img decoding=\"async\" data-no-lazy=\"1\" class=\"skip-lazy\" src=\"https:\/\/www.garciafaura.com\/wp-content\/uploads\/2021\/07\/Europa-Building-LH-12-x.jpg\" alt=\"Europa Building LH\" data-no-retina \/>\n<div class=\"overlay-title-excerpt-hover overlay-hide theme-overlay textcenter\">\n\t<div class=\"overlay-table clr\">\n\t\t<div class=\"overlay-table-cell clr\">\n\t\t\t<div class=\"overlay-title\">Edificio de oficinas Europa Building L&#8217;H<\/div>\n\t\t\t<div class=\"overlay-excerpt\"><p>Desarrollo de fachada de este edificio corporativo.<\/p><\/div>\t\t<\/div>\n\t<\/div>\n<\/div><\/a><\/div><\/div><div class=\"wpex-carousel-slide\"><div class=\"wpex-carousel-entry-media clr overlay-parent overlay-parent-title-excerpt-hover overlay-ms overlay-h\"><a href=\"https:\/\/www.garciafaura.com\/es\/portfolio-item\/edifici-doficines-diagonal-532\/\" title=\"Edificio de oficinas Diagonal 530\" class=\"wpex-carousel-entry-img\"><img decoding=\"async\" data-no-lazy=\"1\" class=\"skip-lazy\" src=\"https:\/\/www.garciafaura.com\/wp-content\/uploads\/2021\/05\/Oficines-Diagonal-530-28-x.jpg\" alt='' data-no-retina \/>\n<div class=\"overlay-title-excerpt-hover overlay-hide theme-overlay textcenter\">\n\t<div class=\"overlay-table clr\">\n\t\t<div class=\"overlay-table-cell clr\">\n\t\t\t<div class=\"overlay-title\">Edificio de oficinas Diagonal 530<\/div>\n\t\t\t<div class=\"overlay-excerpt\"><p>Desarrollo de fachada, doble piel, cerramientos de aluminio y vidrio para la rehabilitaci\u00f3n de este&hellip;<\/p><\/div>\t\t<\/div>\n\t<\/div>\n<\/div><\/a><\/div><\/div><div class=\"wpex-carousel-slide\"><div class=\"wpex-carousel-entry-media clr overlay-parent overlay-parent-title-excerpt-hover overlay-ms overlay-h\"><a href=\"https:\/\/www.garciafaura.com\/es\/portfolio-item\/hospital-sjd-pediatric-cancer-center-de-barcelona\/\" title=\"Hospital SJD Pediatric Cancer Center BCN\" class=\"wpex-carousel-entry-img\"><img decoding=\"async\" data-no-lazy=\"1\" class=\"skip-lazy\" src=\"https:\/\/www.garciafaura.com\/wp-content\/uploads\/2021\/01\/Pediatric-Centre-Sant-Joan-Deu-42-x.jpg\" alt='' data-no-retina \/>\n<div class=\"overlay-title-excerpt-hover overlay-hide theme-overlay textcenter\">\n\t<div class=\"overlay-table clr\">\n\t\t<div class=\"overlay-table-cell clr\">\n\t\t\t<div class=\"overlay-title\">Hospital SJD Pediatric Cancer Center BCN<\/div>\n\t\t\t<div class=\"overlay-excerpt\"><p>Muros cortina, cerramientos, vidrier\u00eda y trabajos met\u00e1licos de fachada para el nuevo Hospital Pedi\u00e1trico de&hellip;<\/p><\/div>\t\t<\/div>\n\t<\/div>\n<\/div><\/a><\/div><\/div><div class=\"wpex-carousel-slide\"><div class=\"wpex-carousel-entry-media clr overlay-parent overlay-parent-title-excerpt-hover overlay-ms overlay-h\"><a href=\"https:\/\/www.garciafaura.com\/es\/portfolio-item\/complejo-selva-de-mar\/\" title=\"Complejo Selva de Mar\" class=\"wpex-carousel-entry-img\"><img decoding=\"async\" data-no-lazy=\"1\" class=\"skip-lazy\" src=\"https:\/\/www.garciafaura.com\/wp-content\/uploads\/2021\/01\/Complex-Selva-de-Mar-amb-solete-01-x.jpg\" alt='' data-no-retina \/>\n<div class=\"overlay-title-excerpt-hover overlay-hide theme-overlay textcenter\">\n\t<div class=\"overlay-table clr\">\n\t\t<div class=\"overlay-table-cell clr\">\n\t\t\t<div class=\"overlay-title\">Complejo Selva de Mar<\/div>\n\t\t\t<div class=\"overlay-excerpt\"><p>El\u00a0proyecto corporativo Selva de Mar\u00a0consta de un conjunto de cuatro edificios con torres de hasta&hellip;<\/p><\/div>\t\t<\/div>\n\t<\/div>\n<\/div><\/a><\/div><\/div><div class=\"wpex-carousel-slide\"><div class=\"wpex-carousel-entry-media clr overlay-parent overlay-parent-title-excerpt-hover overlay-ms overlay-h\"><a href=\"https:\/\/www.garciafaura.com\/es\/portfolio-item\/torre-bcn\/\" title=\"Torre Plaza Europa 34\" class=\"wpex-carousel-entry-img\"><img loading=\"lazy\" decoding=\"async\" data-no-lazy=\"1\" class=\"skip-lazy\" src=\"https:\/\/www.garciafaura.com\/wp-content\/uploads\/2020\/11\/GARCIA-FAURA-Torre-Plaza-Europa-L-01-1200x628.jpg\" alt='' data-no-retina width=\"1200\" height=\"628\" \/>\n<div class=\"overlay-title-excerpt-hover overlay-hide theme-overlay textcenter\">\n\t<div class=\"overlay-table clr\">\n\t\t<div class=\"overlay-table-cell clr\">\n\t\t\t<div class=\"overlay-title\">Torre Plaza Europa 34<\/div>\n\t\t\t<div class=\"overlay-excerpt\"><p>Desarrollo, fabricaci\u00f3n e instalaci\u00f3n de fachada modular de la Torre Plaza Europa 34, en l'Hospitalet&hellip;<\/p><\/div>\t\t<\/div>\n\t<\/div>\n<\/div><\/a><\/div><\/div><div class=\"wpex-carousel-slide\"><div class=\"wpex-carousel-entry-media clr overlay-parent overlay-parent-title-excerpt-hover overlay-ms overlay-h\"><a href=\"https:\/\/www.garciafaura.com\/es\/portfolio-item\/ampliacion-oficinas-plaza-europa\/\" title=\"Ampliaci\u00f3n Oficinas Plaza Europa\" class=\"wpex-carousel-entry-img\"><img decoding=\"async\" data-no-lazy=\"1\" class=\"skip-lazy\" src=\"https:\/\/www.garciafaura.com\/wp-content\/uploads\/2019\/09\/Ampliacio\u0301-Oficines-Plac\u0327a-Europa-01-x.jpg\" alt='' data-no-retina \/>\n<div class=\"overlay-title-excerpt-hover overlay-hide theme-overlay textcenter\">\n\t<div class=\"overlay-table clr\">\n\t\t<div class=\"overlay-table-cell clr\">\n\t\t\t<div class=\"overlay-title\">Ampliaci\u00f3n Oficinas Plaza Europa<\/div>\n\t\t\t<div class=\"overlay-excerpt\"><p>Fabricaci\u00f3n e instalaci\u00f3n de fachada modular y cerramientos para la ampliaci\u00f3n de un singular inmueble&hellip;<\/p><\/div>\t\t<\/div>\n\t<\/div>\n<\/div><\/a><\/div><\/div><div class=\"wpex-carousel-slide\"><div class=\"wpex-carousel-entry-media clr overlay-parent overlay-parent-title-excerpt-hover overlay-ms overlay-h\"><a href=\"https:\/\/www.garciafaura.com\/es\/portfolio-item\/oficinas-sancho-de-avila-65\/\" title=\"Oficinas Sancho de \u00c1vila 65\" class=\"wpex-carousel-entry-img\"><img decoding=\"async\" data-no-lazy=\"1\" class=\"skip-lazy\" src=\"https:\/\/www.garciafaura.com\/wp-content\/uploads\/2019\/04\/Oficines-Sancho-de-A\u0301vila-65-03-x.jpg\" alt='' data-no-retina \/>\n<div class=\"overlay-title-excerpt-hover overlay-hide theme-overlay textcenter\">\n\t<div class=\"overlay-table clr\">\n\t\t<div class=\"overlay-table-cell clr\">\n\t\t\t<div class=\"overlay-title\">Oficinas Sancho de \u00c1vila 65<\/div>\n\t\t\t<div class=\"overlay-excerpt\"><p>Cerramientos de aluminio y persianas replegables de lamas orientables<\/p><\/div>\t\t<\/div>\n\t<\/div>\n<\/div><\/a><\/div><\/div><div class=\"wpex-carousel-slide\"><div class=\"wpex-carousel-entry-media clr overlay-parent overlay-parent-title-excerpt-hover overlay-ms overlay-h\"><a href=\"https:\/\/www.garciafaura.com\/es\/portfolio-item\/bulevar-grenelle\/\" title=\"Bulevar Grenelle\" class=\"wpex-carousel-entry-img\"><img loading=\"lazy\" decoding=\"async\" data-no-lazy=\"1\" class=\"skip-lazy\" src=\"https:\/\/www.garciafaura.com\/wp-content\/uploads\/2019\/04\/02-Oficines-Boulevard-Grenelle-FotoSimonGarcia_arqfoto-1200x628.jpg\" alt='' data-no-retina width=\"1200\" height=\"628\" \/>\n<div class=\"overlay-title-excerpt-hover overlay-hide theme-overlay textcenter\">\n\t<div class=\"overlay-table clr\">\n\t\t<div class=\"overlay-table-cell clr\">\n\t\t\t<div class=\"overlay-title\">Bulevar Grenelle<\/div>\n\t\t\t<div class=\"overlay-excerpt\"><p>Rehabilitaci\u00f3n del\u00a0edificio situado en el n\u00famero 123 del\u00a0Boulevard Grenelle. Se trata de un inmueble de&hellip;<\/p><\/div>\t\t<\/div>\n\t<\/div>\n<\/div><\/a><\/div><\/div><div class=\"wpex-carousel-slide\"><div class=\"wpex-carousel-entry-media clr overlay-parent overlay-parent-title-excerpt-hover overlay-ms overlay-h\"><a href=\"https:\/\/www.garciafaura.com\/es\/portfolio-item\/bulevar-hausmann\/\" title=\"Rehabilitaci\u00f3n Bulevard Haussmann\" class=\"wpex-carousel-entry-img\"><img loading=\"lazy\" decoding=\"async\" data-no-lazy=\"1\" class=\"skip-lazy\" src=\"https:\/\/www.garciafaura.com\/wp-content\/uploads\/2019\/04\/01-BoulevardHaussmann-FotoSimonGarcia_arqfoto-1200x628.jpg\" alt='' data-no-retina width=\"1200\" height=\"628\" \/>\n<div class=\"overlay-title-excerpt-hover overlay-hide theme-overlay textcenter\">\n\t<div class=\"overlay-table clr\">\n\t\t<div class=\"overlay-table-cell clr\">\n\t\t\t<div class=\"overlay-title\">Rehabilitaci\u00f3n Bulevard Haussmann<\/div>\n\t\t\t<div class=\"overlay-excerpt\"><p>Cerramientos de fachadas exteriores e interiores para la rehabilitaci\u00f3n de este edificio de estilo cl\u00e1sico&hellip;<\/p><\/div>\t\t<\/div>\n\t<\/div>\n<\/div><\/a><\/div><\/div><div class=\"wpex-carousel-slide\"><div class=\"wpex-carousel-entry-media clr overlay-parent overlay-parent-title-excerpt-hover overlay-ms overlay-h\"><a href=\"https:\/\/www.garciafaura.com\/es\/portfolio-item\/oficinas-balmes\/\" title=\"Oficinas Balmes\" class=\"wpex-carousel-entry-img\"><img decoding=\"async\" data-no-lazy=\"1\" class=\"skip-lazy\" src=\"https:\/\/www.garciafaura.com\/wp-content\/uploads\/2018\/10\/Oficines-Balmes-04-x.jpg\" alt=\"Fachada De Muro Cortina De Perfiles Met\u00e1licos Y M\u00f3dulos De Aluminio Y Vidrio De Forma C\u00fabica\" data-no-retina \/>\n<div class=\"overlay-title-excerpt-hover overlay-hide theme-overlay textcenter\">\n\t<div class=\"overlay-table clr\">\n\t\t<div class=\"overlay-table-cell clr\">\n\t\t\t<div class=\"overlay-title\">Oficinas Balmes<\/div>\n\t\t\t<div class=\"overlay-excerpt\"><p>Barcelona. A\u00f1o de finalizaci\u00f3n: 2015 Superficie de intervenci\u00f3n: Cerramientos: 325 m\u00b2| Muro cortina: 340 m\u00b2|&hellip;<\/p><\/div>\t\t<\/div>\n\t<\/div>\n<\/div><\/a><\/div><\/div><div class=\"wpex-carousel-slide\"><div class=\"wpex-carousel-entry-media clr overlay-parent overlay-parent-title-excerpt-hover overlay-ms overlay-h\"><a href=\"https:\/\/www.garciafaura.com\/es\/portfolio-item\/concesionario-renault-dacia\/\" title=\"Concesionario Renault Dacia\" class=\"wpex-carousel-entry-img\"><img decoding=\"async\" data-no-lazy=\"1\" class=\"skip-lazy\" src=\"https:\/\/www.garciafaura.com\/wp-content\/uploads\/2018\/10\/Concessionari-Renault-Esplugues-07-x.jpg\" alt=\"Nueva Fachada De Aluminio Perforado Y Muro Cortina\" data-no-retina \/>\n<div class=\"overlay-title-excerpt-hover overlay-hide theme-overlay textcenter\">\n\t<div class=\"overlay-table clr\">\n\t\t<div class=\"overlay-table-cell clr\">\n\t\t\t<div class=\"overlay-title\">Concesionario Renault Dacia<\/div>\n\t\t\t<div class=\"overlay-excerpt\"><p>Esplugues de Llobregat. A\u00f1o de finalizaci\u00f3n: 2016 Superficie de intervenci\u00f3n: Revestimiento de chapa de aluminio:&hellip;<\/p><\/div>\t\t<\/div>\n\t<\/div>\n<\/div><\/a><\/div><\/div><div class=\"wpex-carousel-slide\"><div class=\"wpex-carousel-entry-media clr overlay-parent overlay-parent-title-excerpt-hover overlay-ms overlay-h\"><a href=\"https:\/\/www.garciafaura.com\/es\/portfolio-item\/oficinas-diagonal-191\/\" title=\"Oficinas Diagonal 191\" class=\"wpex-carousel-entry-img\"><img decoding=\"async\" data-no-lazy=\"1\" class=\"skip-lazy\" src=\"https:\/\/www.garciafaura.com\/wp-content\/uploads\/2018\/10\/Oficines-Diagonal-191-03-x.jpg\" alt=\"Fabricaci\u00f3n E Instalaci\u00f3n Del Conjunto De Fachada Modular.\" data-no-retina \/>\n<div class=\"overlay-title-excerpt-hover overlay-hide theme-overlay textcenter\">\n\t<div class=\"overlay-table clr\">\n\t\t<div class=\"overlay-table-cell clr\">\n\t\t\t<div class=\"overlay-title\">Oficinas Diagonal 191<\/div>\n\t\t\t<div class=\"overlay-excerpt\"><p>Barcelona. A\u00f1o de finalizaci\u00f3n: 2016 Arquitecto: GCA Arquitectes Superficie de intervenci\u00f3n: Fachada modular: 13.600 m\u00b2&hellip;<\/p><\/div>\t\t<\/div>\n\t<\/div>\n<\/div><\/a><\/div><\/div><div class=\"wpex-carousel-slide\"><div class=\"wpex-carousel-entry-media clr overlay-parent overlay-parent-title-excerpt-hover overlay-ms overlay-h\"><a href=\"https:\/\/www.garciafaura.com\/es\/portfolio-item\/ofi7-centro-empresarial\/\" title=\"OFI7 Centro Empresarial\" class=\"wpex-carousel-entry-img\"><img decoding=\"async\" data-no-lazy=\"1\" class=\"skip-lazy\" src=\"https:\/\/www.garciafaura.com\/wp-content\/uploads\/2018\/10\/Colombia-OFI7-09-x.jpg\" alt=\"Cerramientos De Aluminio De Altas Prestaciones Con Muros Cortina Y Fachadas Envidriadas.\" data-no-retina \/>\n<div class=\"overlay-title-excerpt-hover overlay-hide theme-overlay textcenter\">\n\t<div class=\"overlay-table clr\">\n\t\t<div class=\"overlay-table-cell clr\">\n\t\t\t<div class=\"overlay-title\">OFI7 Centro Empresarial<\/div>\n\t\t\t<div class=\"overlay-excerpt\"><p>Medell\u00edn (Colombia). A\u00f1o de finalizaci\u00f3n: 2017 Arquitecto: Rodrigo Fajardo Superficie de intervenci\u00f3n: Fachada de vidrio:&hellip;<\/p><\/div>\t\t<\/div>\n\t<\/div>\n<\/div><\/a><\/div><\/div><div class=\"wpex-carousel-slide\"><div class=\"wpex-carousel-entry-media clr overlay-parent overlay-parent-title-excerpt-hover overlay-ms overlay-h\"><a href=\"https:\/\/www.garciafaura.com\/es\/portfolio-item\/torre-4-portal-firal\/\" title=\"Torre 4 Portal Firal\" class=\"wpex-carousel-entry-img\"><img decoding=\"async\" data-no-lazy=\"1\" class=\"skip-lazy\" src=\"https:\/\/www.garciafaura.com\/wp-content\/uploads\/2018\/10\/Torre-4-Porta-Firal-01-x.jpg\" alt=\"Conjunto De Fachadas Y Cerramientos En Nuevo Edificio Corporativo\" data-no-retina \/>\n<div class=\"overlay-title-excerpt-hover overlay-hide theme-overlay textcenter\">\n\t<div class=\"overlay-table clr\">\n\t\t<div class=\"overlay-table-cell clr\">\n\t\t\t<div class=\"overlay-title\">Torre 4 Portal Firal<\/div>\n\t\t\t<div class=\"overlay-excerpt\"><p>Barcelona. A\u00f1o de finalizaci\u00f3n: 2017 Arquitecto: \u00d2scar Tusquets Superficie de intervenci\u00f3n: Muro cortina: 1.800 m\u00b2|&hellip;<\/p><\/div>\t\t<\/div>\n\t<\/div>\n<\/div><\/a><\/div><\/div><div class=\"wpex-carousel-slide\"><div class=\"wpex-carousel-entry-media clr overlay-parent overlay-parent-title-excerpt-hover overlay-ms overlay-h\"><a href=\"https:\/\/www.garciafaura.com\/es\/portfolio-item\/centro-logistico-amazon\/\" title=\"Centro Log\u00edstico Amazon\" class=\"wpex-carousel-entry-img\"><img decoding=\"async\" data-no-lazy=\"1\" class=\"skip-lazy\" src=\"https:\/\/www.garciafaura.com\/wp-content\/uploads\/2018\/09\/Nau-Amazon-El-Prat-01-x.jpg\" alt=\"M\u00e1s De 1.100 Cerramientos Para La Nuevas Instalaciones En El Prat\" data-no-retina \/>\n<div class=\"overlay-title-excerpt-hover overlay-hide theme-overlay textcenter\">\n\t<div class=\"overlay-table clr\">\n\t\t<div class=\"overlay-table-cell clr\">\n\t\t\t<div class=\"overlay-title\">Centro Log\u00edstico Amazon<\/div>\n\t\t\t<div class=\"overlay-excerpt\"><p>El Prat de Llobregat. A\u00f1o de finalizaci\u00f3n: 2017 Arquitecto: Idom Superficie de intervenci\u00f3n: Ventanas motorizadas:&hellip;<\/p><\/div>\t\t<\/div>\n\t<\/div>\n<\/div><\/a><\/div><\/div><\/div>[\/vc_column][vc_column width=\u00bb1\/6&#8243;]<div class=\"vcex-module vcex-teaser vcex-teaser-one vc_custom_1543338298770\"><div class=\"vcex-teaser-content clr\"><h1 class=\"vcex-teaser-heading\">Edificios Corporativos<\/h1><div class=\"vcex-teaser-text clr\"><p><span style=\"font-family: 'Open Sans'\"><strong>GARCIA FAURA<\/strong> dispone de soluciones t\u00e9cnicas adaptadas a todo tipo de necesidades, que combinan apariencia est\u00e9tica y funcionalidad<\/span><\/p>\n<\/div><\/div><\/div><div class=\"vc_custom_1543345894426 wpex-clr\"><div class=\"textcenter theme-button-expanded-wrap theme-button-wrap clr\"><a href=\"https:\/\/www.garciafaura.com\/edificis-corporatius-garcia-faura\/\" title=\"Projectes Edificis Corporatius Garcia Faura\" class=\"vcex-button theme-button minimal-border small align-center expanded animate-on-hover expanded\" data-wpex-hover='{&quot;background&quot;:&quot;#d7515e&quot;,&quot;color&quot;:&quot;#000000&quot;}'><span class=\"theme-button-inner\">+ Proyectos GARCIA FAURA<\/span><\/a><\/div><\/div> [\/vc_column][\/vc_row][vc_row full_width=\u00bbstretch_row_content\u00bb typography_style=\u00bbwhite\u00bb css=\u00bb.vc_custom_1543336958370{margin-right: 30px !important;margin-left: 15px !important;background-color: #000000 !important;background-position: center !important;background-repeat: no-repeat !important;background-size: cover !important;}\u00bb][vc_column width=\u00bb1\/6&#8243; css=\u00bb.vc_custom_1543335477433{margin-left: 30px !important;}\u00bb]<div class=\"vcex-module vcex-teaser vcex-teaser-one vc_custom_1543345252493\"><div class=\"vcex-teaser-content clr\"><h1 class=\"vcex-teaser-heading\" style=\"font-weight:600;\">Conjuntos Residenciales<\/h1><div class=\"vcex-teaser-text clr\"><p><span style=\"font-family: 'Open Sans'\"><strong>GARCIA FAURA<\/strong> cuenta con d\u00e9cadas de experiencia al servicio de la construcci\u00f3n de conjuntos residenciales. Cerramientos de aluminio y vidrio de altas prestaciones t\u00e9rmicas y ac\u00fasticas.<\/span><\/p>\n<\/div><\/div><\/div><div class=\"vc_custom_1543345828175 wpex-clr\"><div class=\"textcenter theme-button-expanded-wrap theme-button-wrap clr\"><a href=\"https:\/\/www.garciafaura.com\/conjunts-residencials-garcia-faura\/\" title=\"Tancaments i vidre conjunts residencials GARCIA FAURA\" class=\"vcex-button theme-button minimal-border small align-center expanded animate-on-hover expanded\" data-wpex-hover='{&quot;background&quot;:&quot;#d7515e&quot;,&quot;color&quot;:&quot;#000000&quot;}'><span class=\"theme-button-inner\">+ Proyectos GARCIA FAURA<\/span><\/a><\/div><\/div> [\/vc_column][vc_column width=\u00bb5\/6&#8243;]<div class=\"vcex-spacing\" style=\"height:30px\"><\/div><div class=\"vcex-module wpex-carousel wpex-carousel-portfolio clr owl-carousel arrwstyle-min arrwpos-center\" data-wpex-carousel=\"{&quot;nav&quot;:true,&quot;dots&quot;:false,&quot;autoplay&quot;:false,&quot;loop&quot;:true,&quot;center&quot;:true,&quot;smartSpeed&quot;:160,&quot;items&quot;:3,&quot;slideBy&quot;:3,&quot;autoplayTimeout&quot;:5000,&quot;margin&quot;:5,&quot;itemsTablet&quot;:3,&quot;itemsMobileLandscape&quot;:2,&quot;itemsMobilePortrait&quot;:1,&quot;autoWidth&quot;:false,&quot;autoHeight&quot;:false}\"><div class=\"wpex-carousel-slide\"><div class=\"wpex-carousel-entry-media clr overlay-parent overlay-parent-title-excerpt-hover overlay-ms overlay-h\"><a href=\"https:\/\/www.garciafaura.com\/es\/portfolio-item\/promocio-central-park-llevant\/\" title=\"Promoci\u00f3n Central Park Llevant\" class=\"wpex-carousel-entry-img\"><img decoding=\"async\" data-no-lazy=\"1\" class=\"skip-lazy\" src=\"https:\/\/www.garciafaura.com\/wp-content\/uploads\/2024\/04\/100-Habitatges-Viladecans-7-x.jpg\" alt='' data-no-retina \/>\n<div class=\"overlay-title-excerpt-hover overlay-hide theme-overlay textcenter\">\n\t<div class=\"overlay-table clr\">\n\t\t<div class=\"overlay-table-cell clr\">\n\t\t\t<div class=\"overlay-title\">Promoci\u00f3n Central Park Llevant<\/div>\n\t\t\t<div class=\"overlay-excerpt\"><p>Cerramientos de aluminio y vidrio para promoci\u00f3 de cien viviendas en el Sector Levante de&hellip;<\/p><\/div>\t\t<\/div>\n\t<\/div>\n<\/div><\/a><\/div><\/div><div class=\"wpex-carousel-slide\"><div class=\"wpex-carousel-entry-media clr overlay-parent overlay-parent-title-excerpt-hover overlay-ms overlay-h\"><a href=\"https:\/\/www.garciafaura.com\/es\/portfolio-item\/torre-antares\/\" title=\"Torre Antares\" class=\"wpex-carousel-entry-img\"><img decoding=\"async\" data-no-lazy=\"1\" class=\"skip-lazy\" src=\"https:\/\/www.garciafaura.com\/wp-content\/uploads\/2024\/02\/Torre-Antares-01-x.jpg\" alt='' data-no-retina \/>\n<div class=\"overlay-title-excerpt-hover overlay-hide theme-overlay textcenter\">\n\t<div class=\"overlay-table clr\">\n\t\t<div class=\"overlay-table-cell clr\">\n\t\t\t<div class=\"overlay-title\">Torre Antares<\/div>\n\t\t\t<div class=\"overlay-excerpt\"><p>Ejecuci\u00f3n de la envolvente de este conjunto residencial de 26 plantas, proyectado por el estudio&hellip;<\/p><\/div>\t\t<\/div>\n\t<\/div>\n<\/div><\/a><\/div><\/div><div class=\"wpex-carousel-slide\"><div class=\"wpex-carousel-entry-media clr overlay-parent overlay-parent-title-excerpt-hover overlay-ms overlay-h\"><a href=\"https:\/\/www.garciafaura.com\/es\/portfolio-item\/residencial-blue-badalona\/\" title=\"Residencial Blue Badalona\" class=\"wpex-carousel-entry-img\"><img decoding=\"async\" data-no-lazy=\"1\" class=\"skip-lazy\" src=\"https:\/\/www.garciafaura.com\/wp-content\/uploads\/2023\/02\/Residencial-Blue-Badalona-09-x.jpg\" alt='' data-no-retina \/>\n<div class=\"overlay-title-excerpt-hover overlay-hide theme-overlay textcenter\">\n\t<div class=\"overlay-table clr\">\n\t\t<div class=\"overlay-table-cell clr\">\n\t\t\t<div class=\"overlay-title\">Residencial Blue Badalona<\/div>\n\t\t\t<div class=\"overlay-excerpt\"><p>Cerramientos de aluminio y vidrio para promoci\u00f3n residencial de 148 viviendas en el puerto de&hellip;<\/p><\/div>\t\t<\/div>\n\t<\/div>\n<\/div><\/a><\/div><\/div><div class=\"wpex-carousel-slide\"><div class=\"wpex-carousel-entry-media clr overlay-parent overlay-parent-title-excerpt-hover overlay-ms overlay-h\"><a href=\"https:\/\/www.garciafaura.com\/es\/portfolio-item\/promocio-cosme-toda\/\" title=\"Promoci\u00f3n Cosme Toda\" class=\"wpex-carousel-entry-img\"><img decoding=\"async\" data-no-lazy=\"1\" class=\"skip-lazy\" src=\"https:\/\/www.garciafaura.com\/wp-content\/uploads\/2022\/02\/Cosme-Toda-31-x.jpg\" alt='' data-no-retina \/>\n<div class=\"overlay-title-excerpt-hover overlay-hide theme-overlay textcenter\">\n\t<div class=\"overlay-table clr\">\n\t\t<div class=\"overlay-table-cell clr\">\n\t\t\t<div class=\"overlay-title\">Promoci\u00f3n Cosme Toda<\/div>\n\t\t\t<div class=\"overlay-excerpt\"><p>Cerramientos para las 367 viviendas proyectadas en los terrenos de la antigua f\u00e1brica Cosme Toda&hellip;<\/p><\/div>\t\t<\/div>\n\t<\/div>\n<\/div><\/a><\/div><\/div><div class=\"wpex-carousel-slide\"><div class=\"wpex-carousel-entry-media clr overlay-parent overlay-parent-title-excerpt-hover overlay-ms overlay-h\"><a href=\"https:\/\/www.garciafaura.com\/es\/portfolio-item\/residencial-voramar\/\" title=\"Residencial Voramar\" class=\"wpex-carousel-entry-img\"><img decoding=\"async\" data-no-lazy=\"1\" class=\"skip-lazy\" src=\"https:\/\/www.garciafaura.com\/wp-content\/uploads\/2021\/10\/Voramar-Badalona-01-x.jpg\" alt='' data-no-retina \/>\n<div class=\"overlay-title-excerpt-hover overlay-hide theme-overlay textcenter\">\n\t<div class=\"overlay-table clr\">\n\t\t<div class=\"overlay-table-cell clr\">\n\t\t\t<div class=\"overlay-title\">Residencial Voramar<\/div>\n\t\t\t<div class=\"overlay-excerpt\"><p>Cerramientos de aluminio para conjunto residencial de 90 apartamentos y locales comerciales en Badalona.<\/p><\/div>\t\t<\/div>\n\t<\/div>\n<\/div><\/a><\/div><\/div><div class=\"wpex-carousel-slide\"><div class=\"wpex-carousel-entry-media clr overlay-parent overlay-parent-title-excerpt-hover overlay-ms overlay-h\"><a href=\"https:\/\/www.garciafaura.com\/es\/portfolio-item\/apartaments-tembo-suites\/\" title=\"Apartamentos Tembo Suites\" class=\"wpex-carousel-entry-img\"><img decoding=\"async\" data-no-lazy=\"1\" class=\"skip-lazy\" src=\"https:\/\/www.garciafaura.com\/wp-content\/uploads\/2021\/10\/Tembo-suites-Barcelona-51-x.jpg\" alt='' data-no-retina \/>\n<div class=\"overlay-title-excerpt-hover overlay-hide theme-overlay textcenter\">\n\t<div class=\"overlay-table clr\">\n\t\t<div class=\"overlay-table-cell clr\">\n\t\t\t<div class=\"overlay-title\">Apartamentos Tembo Suites<\/div>\n\t\t\t<div class=\"overlay-excerpt\"><p>Desarrollo de muro cortina (mil metros cuadrados) y cerramientos de aluminio (600 unidades) para edificio&hellip;<\/p><\/div>\t\t<\/div>\n\t<\/div>\n<\/div><\/a><\/div><\/div><div class=\"wpex-carousel-slide\"><div class=\"wpex-carousel-entry-media clr overlay-parent overlay-parent-title-excerpt-hover overlay-ms overlay-h\"><a href=\"https:\/\/www.garciafaura.com\/es\/portfolio-item\/residencia-destudiants-valeo-22\/\" title=\"Residencia de estudiantes Valeo 22@\" class=\"wpex-carousel-entry-img\"><img decoding=\"async\" data-no-lazy=\"1\" class=\"skip-lazy\" src=\"https:\/\/www.garciafaura.com\/wp-content\/uploads\/2021\/10\/Residencia-Valeo-13-x.jpg\" alt='' data-no-retina \/>\n<div class=\"overlay-title-excerpt-hover overlay-hide theme-overlay textcenter\">\n\t<div class=\"overlay-table clr\">\n\t\t<div class=\"overlay-table-cell clr\">\n\t\t\t<div class=\"overlay-title\">Residencia de estudiantes Valeo 22@<\/div>\n\t\t\t<div class=\"overlay-excerpt\"><p>Fabricaci\u00f3n e instalaci\u00f3n de 600 cerramientos de aluminio y vidrio para residencia de estudiantes de&hellip;<\/p><\/div>\t\t<\/div>\n\t<\/div>\n<\/div><\/a><\/div><\/div><div class=\"wpex-carousel-slide\"><div class=\"wpex-carousel-entry-media clr overlay-parent overlay-parent-title-excerpt-hover overlay-ms overlay-h\"><a href=\"https:\/\/www.garciafaura.com\/es\/portfolio-item\/residencial-the-kube\/\" title=\"Residencial The Kube\" class=\"wpex-carousel-entry-img\"><img decoding=\"async\" data-no-lazy=\"1\" class=\"skip-lazy\" src=\"https:\/\/www.garciafaura.com\/wp-content\/uploads\/2021\/06\/Kube-Tarragona-20-x.jpg\" alt='' data-no-retina \/>\n<div class=\"overlay-title-excerpt-hover overlay-hide theme-overlay textcenter\">\n\t<div class=\"overlay-table clr\">\n\t\t<div class=\"overlay-table-cell clr\">\n\t\t\t<div class=\"overlay-title\">Residencial The Kube<\/div>\n\t\t\t<div class=\"overlay-excerpt\"><p>Fabricaci\u00f3n e instalaci\u00f3n de 6.500 metros cuadrados de cerramientos de aluminio, de apertura corredera y&hellip;<\/p><\/div>\t\t<\/div>\n\t<\/div>\n<\/div><\/a><\/div><\/div><div class=\"wpex-carousel-slide\"><div class=\"wpex-carousel-entry-media clr overlay-parent overlay-parent-title-excerpt-hover overlay-ms overlay-h\"><a href=\"https:\/\/www.garciafaura.com\/es\/portfolio-item\/promocion-calle-estronci\/\" title=\"Promoci\u00f3n calle Estronci\" class=\"wpex-carousel-entry-img\"><img decoding=\"async\" data-no-lazy=\"1\" class=\"skip-lazy\" src=\"https:\/\/www.garciafaura.com\/wp-content\/uploads\/2019\/10\/13080-01-x.jpg\" alt=\"Desarrollo De Fachada Y Cerramientos De Aluminio Para Torre De 55 Viviendas De Nueva Construcci\u00f3n En L'Hospitalet De Llobregat.\" data-no-retina \/>\n<div class=\"overlay-title-excerpt-hover overlay-hide theme-overlay textcenter\">\n\t<div class=\"overlay-table clr\">\n\t\t<div class=\"overlay-table-cell clr\">\n\t\t\t<div class=\"overlay-title\">Promoci\u00f3n calle Estronci<\/div>\n\t\t\t<div class=\"overlay-excerpt\"><p>Desarrollo de fachada y cerramientos de aluminio para torre de 55 viviendas de nueva construcci\u00f3n&hellip;<\/p><\/div>\t\t<\/div>\n\t<\/div>\n<\/div><\/a><\/div><\/div><div class=\"wpex-carousel-slide\"><div class=\"wpex-carousel-entry-media clr overlay-parent overlay-parent-title-excerpt-hover overlay-ms overlay-h\"><a href=\"https:\/\/www.garciafaura.com\/es\/portfolio-item\/residencial-volpelleres\/\" title=\"Residencial Volpelleres\" class=\"wpex-carousel-entry-img\"><img decoding=\"async\" data-no-lazy=\"1\" class=\"skip-lazy\" src=\"https:\/\/www.garciafaura.com\/wp-content\/uploads\/2019\/09\/Residencial-Volpelleres-01-x.jpg\" alt=\"Cerramientos De Aluminio Y Vidrio De Altas Prestaciones T\u00e9cnicas Para Conjunto Residencial En Sant Cugat Del Vall\u00e8s\" data-no-retina \/>\n<div class=\"overlay-title-excerpt-hover overlay-hide theme-overlay textcenter\">\n\t<div class=\"overlay-table clr\">\n\t\t<div class=\"overlay-table-cell clr\">\n\t\t\t<div class=\"overlay-title\">Residencial Volpelleres<\/div>\n\t\t\t<div class=\"overlay-excerpt\"><p>Cerramientos de aluminio y vidrio de altas prestaciones t\u00e9cnicas para conjunto residencial en Sant Cugat&hellip;<\/p><\/div>\t\t<\/div>\n\t<\/div>\n<\/div><\/a><\/div><\/div><div class=\"wpex-carousel-slide\"><div class=\"wpex-carousel-entry-media clr overlay-parent overlay-parent-title-excerpt-hover overlay-ms overlay-h\"><a href=\"https:\/\/www.garciafaura.com\/es\/portfolio-item\/torre-vitrvm\/\" title=\"Torre Vitrvm\" class=\"wpex-carousel-entry-img\"><img decoding=\"async\" data-no-lazy=\"1\" class=\"skip-lazy\" src=\"https:\/\/www.garciafaura.com\/wp-content\/uploads\/2019\/09\/Torre-Vitrvm-01-x.jpg\" alt='' data-no-retina \/>\n<div class=\"overlay-title-excerpt-hover overlay-hide theme-overlay textcenter\">\n\t<div class=\"overlay-table clr\">\n\t\t<div class=\"overlay-table-cell clr\">\n\t\t\t<div class=\"overlay-title\">Torre Vitrvm<\/div>\n\t\t\t<div class=\"overlay-excerpt\"><p>Bogot\u00e1. A\u00f1o de finalizaci\u00f3n: 2018 Arquitecto: Richard Meier Superficie de intervenci\u00f3n: Fachada de vidrio: 6.890&hellip;<\/p><\/div>\t\t<\/div>\n\t<\/div>\n<\/div><\/a><\/div><\/div><div class=\"wpex-carousel-slide\"><div class=\"wpex-carousel-entry-media clr overlay-parent overlay-parent-title-excerpt-hover overlay-ms overlay-h\"><a href=\"https:\/\/www.garciafaura.com\/es\/portfolio-item\/residencial-can-trabal\/\" title=\"Residencial Can Trabal\" class=\"wpex-carousel-entry-img\"><img decoding=\"async\" data-no-lazy=\"1\" class=\"skip-lazy\" src=\"https:\/\/www.garciafaura.com\/wp-content\/uploads\/2019\/09\/Can-Trabal-01-x.jpg\" alt=\"Resid\u00e8ncia Can Trabal\" data-no-retina \/>\n<div class=\"overlay-title-excerpt-hover overlay-hide theme-overlay textcenter\">\n\t<div class=\"overlay-table clr\">\n\t\t<div class=\"overlay-table-cell clr\">\n\t\t\t<div class=\"overlay-title\">Residencial Can Trabal<\/div>\n\t\t\t<div class=\"overlay-excerpt\"><p>Cerramientos de aluminio para conjunto de viviendas exclusivas en el nuevo sector residencial de Sant&hellip;<\/p><\/div>\t\t<\/div>\n\t<\/div>\n<\/div><\/a><\/div><\/div><div class=\"wpex-carousel-slide\"><div class=\"wpex-carousel-entry-media clr overlay-parent overlay-parent-title-excerpt-hover overlay-ms overlay-h\"><a href=\"https:\/\/www.garciafaura.com\/es\/portfolio-item\/residencial-unic-badalona\/\" title=\"Residencial \u00danic Badalona\" class=\"wpex-carousel-entry-img\"><img decoding=\"async\" data-no-lazy=\"1\" class=\"skip-lazy\" src=\"https:\/\/www.garciafaura.com\/wp-content\/uploads\/2019\/09\/Residencial-U\u0301nic-Badalona-01-x.jpg\" alt='' data-no-retina \/>\n<div class=\"overlay-title-excerpt-hover overlay-hide theme-overlay textcenter\">\n\t<div class=\"overlay-table clr\">\n\t\t<div class=\"overlay-table-cell clr\">\n\t\t\t<div class=\"overlay-title\">Residencial \u00danic Badalona<\/div>\n\t\t\t<div class=\"overlay-excerpt\"><p>Fabricaci\u00f3n e instalaci\u00f3n de cerramientos para promoci\u00f3n de 106 viviendas situadas en el nuevo sector&hellip;<\/p><\/div>\t\t<\/div>\n\t<\/div>\n<\/div><\/a><\/div><\/div><div class=\"wpex-carousel-slide\"><div class=\"wpex-carousel-entry-media clr overlay-parent overlay-parent-title-excerpt-hover overlay-ms overlay-h\"><a href=\"https:\/\/www.garciafaura.com\/es\/portfolio-item\/promocion-kronos-badalona\/\" title=\"Promoci\u00f3n Kronos Badalona\" class=\"wpex-carousel-entry-img\"><img decoding=\"async\" data-no-lazy=\"1\" class=\"skip-lazy\" src=\"https:\/\/www.garciafaura.com\/wp-content\/uploads\/2019\/07\/1-x.jpg\" alt='' data-no-retina \/>\n<div class=\"overlay-title-excerpt-hover overlay-hide theme-overlay textcenter\">\n\t<div class=\"overlay-table clr\">\n\t\t<div class=\"overlay-table-cell clr\">\n\t\t\t<div class=\"overlay-title\">Promoci\u00f3n Kronos Badalona<\/div>\n\t\t\t<div class=\"overlay-excerpt\"><p>Cerramientos de aluminio y vidrio para 252 viviendas en el Puerto de Badalona<\/p><\/div>\t\t<\/div>\n\t<\/div>\n<\/div><\/a><\/div><\/div><div class=\"wpex-carousel-slide\"><div class=\"wpex-carousel-entry-media clr overlay-parent overlay-parent-title-excerpt-hover overlay-ms overlay-h\"><a href=\"https:\/\/www.garciafaura.com\/es\/portfolio-item\/promocion-comte-borrell\/\" title=\"Promoci\u00f3n Comte Borrell\" class=\"wpex-carousel-entry-img\"><img decoding=\"async\" data-no-lazy=\"1\" class=\"skip-lazy\" src=\"https:\/\/www.garciafaura.com\/wp-content\/uploads\/2019\/04\/Promocio-Comte-Borrell-02-x.jpg\" alt='' data-no-retina \/>\n<div class=\"overlay-title-excerpt-hover overlay-hide theme-overlay textcenter\">\n\t<div class=\"overlay-table clr\">\n\t\t<div class=\"overlay-table-cell clr\">\n\t\t\t<div class=\"overlay-title\">Promoci\u00f3n Comte Borrell<\/div>\n\t\t\t<div class=\"overlay-excerpt\"><p>Cerramientos de aluminio y vidrio para promoci\u00f3n de vivienda dotacional y guarder\u00eda p\u00fablica en Barcelona<\/p><\/div>\t\t<\/div>\n\t<\/div>\n<\/div><\/a><\/div><\/div><div class=\"wpex-carousel-slide\"><div class=\"wpex-carousel-entry-media clr overlay-parent overlay-parent-title-excerpt-hover overlay-ms overlay-h\"><a href=\"https:\/\/www.garciafaura.com\/es\/portfolio-item\/residencial-la-marina\/\" title=\"Residencial La Marina\" class=\"wpex-carousel-entry-img\"><img decoding=\"async\" data-no-lazy=\"1\" class=\"skip-lazy\" src=\"https:\/\/www.garciafaura.com\/wp-content\/uploads\/2019\/04\/Residencial-La-Marina-Mataro\u0301-01-x.jpg\" alt='' data-no-retina \/>\n<div class=\"overlay-title-excerpt-hover overlay-hide theme-overlay textcenter\">\n\t<div class=\"overlay-table clr\">\n\t\t<div class=\"overlay-table-cell clr\">\n\t\t\t<div class=\"overlay-title\">Residencial La Marina<\/div>\n\t\t\t<div class=\"overlay-excerpt\"><p>Cerramientos de aluminio y vidrio en promoci\u00f3n residencial en Matar\u00f3.<\/p><\/div>\t\t<\/div>\n\t<\/div>\n<\/div><\/a><\/div><\/div><div class=\"wpex-carousel-slide\"><div class=\"wpex-carousel-entry-media clr overlay-parent overlay-parent-title-excerpt-hover overlay-ms overlay-h\"><a href=\"https:\/\/www.garciafaura.com\/es\/portfolio-item\/promocion-industria-ponent-badalona\/\" title=\"Promocio\u0301n Industria Ponent Badalona\" class=\"wpex-carousel-entry-img\"><img decoding=\"async\" data-no-lazy=\"1\" class=\"skip-lazy\" src=\"https:\/\/www.garciafaura.com\/wp-content\/uploads\/2019\/04\/13112-15-x.jpg\" alt='' data-no-retina \/>\n<div class=\"overlay-title-excerpt-hover overlay-hide theme-overlay textcenter\">\n\t<div class=\"overlay-table clr\">\n\t\t<div class=\"overlay-table-cell clr\">\n\t\t\t<div class=\"overlay-title\">Promocio\u0301n Industria Ponent Badalona<\/div>\n\t\t\t<div class=\"overlay-excerpt\"><p>Cerramientos de aluminio y vidrio para conjunto residencial en Badalona.<\/p><\/div>\t\t<\/div>\n\t<\/div>\n<\/div><\/a><\/div><\/div><div class=\"wpex-carousel-slide\"><div class=\"wpex-carousel-entry-media clr overlay-parent overlay-parent-title-excerpt-hover overlay-ms overlay-h\"><a href=\"https:\/\/www.garciafaura.com\/es\/portfolio-item\/residencial-celere\/\" title=\"Residencial Diagonal Port\" class=\"wpex-carousel-entry-img\"><img decoding=\"async\" data-no-lazy=\"1\" class=\"skip-lazy\" src=\"https:\/\/www.garciafaura.com\/wp-content\/uploads\/2019\/04\/12669-01-x.jpg\" alt=\"Cerramientos De Aluminio Y Vidrio En Promoci\u00f3n Residencial De Altas Prestaciones En Barcelona\" data-no-retina \/>\n<div class=\"overlay-title-excerpt-hover overlay-hide theme-overlay textcenter\">\n\t<div class=\"overlay-table clr\">\n\t\t<div class=\"overlay-table-cell clr\">\n\t\t\t<div class=\"overlay-title\">Residencial Diagonal Port<\/div>\n\t\t\t<div class=\"overlay-excerpt\"><p>Cerramientos de aluminio y vidrio en promoci\u00f3n residencial de altas prestaciones en Barcelona<\/p><\/div>\t\t<\/div>\n\t<\/div>\n<\/div><\/a><\/div><\/div><div class=\"wpex-carousel-slide\"><div class=\"wpex-carousel-entry-media clr overlay-parent overlay-parent-title-excerpt-hover overlay-ms overlay-h\"><a href=\"https:\/\/www.garciafaura.com\/es\/portfolio-item\/residencial-torre-europa\/\" title=\"Residencial Torre Europa\" class=\"wpex-carousel-entry-img\"><img decoding=\"async\" data-no-lazy=\"1\" class=\"skip-lazy\" src=\"https:\/\/www.garciafaura.com\/wp-content\/uploads\/2018\/12\/Residencial-Torre-Europa-01-x.jpg\" alt=\"Cerramientos Para Edificio De 90 Viviendas En L'Hospitalet De Llobregat\" data-no-retina \/>\n<div class=\"overlay-title-excerpt-hover overlay-hide theme-overlay textcenter\">\n\t<div class=\"overlay-table clr\">\n\t\t<div class=\"overlay-table-cell clr\">\n\t\t\t<div class=\"overlay-title\">Residencial Torre Europa<\/div>\n\t\t\t<div class=\"overlay-excerpt\"><p>Cerramientos para edificio de 90 viviendas en L'Hospitalet de Llobregat<\/p><\/div>\t\t<\/div>\n\t<\/div>\n<\/div><\/a><\/div><\/div><div class=\"wpex-carousel-slide\"><div class=\"wpex-carousel-entry-media clr overlay-parent overlay-parent-title-excerpt-hover overlay-ms overlay-h\"><a href=\"https:\/\/www.garciafaura.com\/es\/portfolio-item\/promocion-antoni-agraz\/\" title=\"Promoci\u00f3n Antoni Agraz\" class=\"wpex-carousel-entry-img\"><img decoding=\"async\" data-no-lazy=\"1\" class=\"skip-lazy\" src=\"https:\/\/www.garciafaura.com\/wp-content\/uploads\/2018\/12\/Promocio\u0301-Antoni-Agraz-Sant-Cugat-01-x.jpg\" alt=\"Cerramientos De Aluminio Y Vidrio En Promoci\u00f3n Residencial En Sant Cugat Del Vall\u00e8s\" data-no-retina \/>\n<div class=\"overlay-title-excerpt-hover overlay-hide theme-overlay textcenter\">\n\t<div class=\"overlay-table clr\">\n\t\t<div class=\"overlay-table-cell clr\">\n\t\t\t<div class=\"overlay-title\">Promoci\u00f3n Antoni Agraz<\/div>\n\t\t\t<div class=\"overlay-excerpt\"><p>Cerramientos de aluminio y vidrio en promoci\u00f3n residencial en Sant Cugat del Vall\u00e8s<\/p><\/div>\t\t<\/div>\n\t<\/div>\n<\/div><\/a><\/div><\/div><div class=\"wpex-carousel-slide\"><div class=\"wpex-carousel-entry-media clr overlay-parent overlay-parent-title-excerpt-hover overlay-ms overlay-h\"><a href=\"https:\/\/www.garciafaura.com\/es\/portfolio-item\/promocion-tordera-mataro\/\" title=\"Promoci\u00f3n Tordera Matar\u00f3\" class=\"wpex-carousel-entry-img\"><img decoding=\"async\" data-no-lazy=\"1\" class=\"skip-lazy\" src=\"https:\/\/www.garciafaura.com\/wp-content\/uploads\/2018\/12\/Promocio\u0301-Mataro\u0301-carrer-Tordera-02-x.jpg\" alt=\"Cerramientos De Aluminio En Promoci\u00f3n De 60 Viviendas En Matar\u00f3\" data-no-retina \/>\n<div class=\"overlay-title-excerpt-hover overlay-hide theme-overlay textcenter\">\n\t<div class=\"overlay-table clr\">\n\t\t<div class=\"overlay-table-cell clr\">\n\t\t\t<div class=\"overlay-title\">Promoci\u00f3n Tordera Matar\u00f3<\/div>\n\t\t\t<div class=\"overlay-excerpt\"><p>Cerramientos de aluminio en promoci\u00f3n de 60 viviendas en Matar\u00f3<\/p><\/div>\t\t<\/div>\n\t<\/div>\n<\/div><\/a><\/div><\/div><div class=\"wpex-carousel-slide\"><div class=\"wpex-carousel-entry-media clr overlay-parent overlay-parent-title-excerpt-hover overlay-ms overlay-h\"><a href=\"https:\/\/www.garciafaura.com\/es\/portfolio-item\/viviendas-doctor-carulla\/\" title=\"Viviendas Doctor Carulla\" class=\"wpex-carousel-entry-img\"><img decoding=\"async\" data-no-lazy=\"1\" class=\"skip-lazy\" src=\"https:\/\/www.garciafaura.com\/wp-content\/uploads\/2018\/11\/Doctor-Carulla-000-x.jpg\" alt='' data-no-retina \/>\n<div class=\"overlay-title-excerpt-hover overlay-hide theme-overlay textcenter\">\n\t<div class=\"overlay-table clr\">\n\t\t<div class=\"overlay-table-cell clr\">\n\t\t\t<div class=\"overlay-title\">Viviendas Doctor Carulla<\/div>\n\t\t\t<div class=\"overlay-excerpt\"><p>Arquitectura de la fachada y conjunto de cerramientos de este moderna vivienda<\/p><\/div>\t\t<\/div>\n\t<\/div>\n<\/div><\/a><\/div><\/div><div class=\"wpex-carousel-slide\"><div class=\"wpex-carousel-entry-media clr overlay-parent overlay-parent-title-excerpt-hover overlay-ms overlay-h\"><a href=\"https:\/\/www.garciafaura.com\/es\/portfolio-item\/promocion-josep-irla\/\" title=\"Promoci\u00f3n Josep Irla\" class=\"wpex-carousel-entry-img\"><img decoding=\"async\" data-no-lazy=\"1\" class=\"skip-lazy\" src=\"https:\/\/www.garciafaura.com\/wp-content\/uploads\/2018\/11\/Promocio\u0301-Josep-Irla-Sitges-04-x.jpg\" alt=\"Cerramientos De Aluminio Y Vidrio De Este Conjunto Residencial En Sitges\" data-no-retina \/>\n<div class=\"overlay-title-excerpt-hover overlay-hide theme-overlay textcenter\">\n\t<div class=\"overlay-table clr\">\n\t\t<div class=\"overlay-table-cell clr\">\n\t\t\t<div class=\"overlay-title\">Promoci\u00f3n Josep Irla<\/div>\n\t\t\t<div class=\"overlay-excerpt\"><p>Cerramientos de aluminio y vidrio de este conjunto residencial en Sitges<\/p><\/div>\t\t<\/div>\n\t<\/div>\n<\/div><\/a><\/div><\/div><div class=\"wpex-carousel-slide\"><div class=\"wpex-carousel-entry-media clr overlay-parent overlay-parent-title-excerpt-hover overlay-ms overlay-h\"><a href=\"https:\/\/www.garciafaura.com\/es\/portfolio-item\/promocion-badalona-port\/\" title=\"Promoci\u00f3n Badalona Port\" class=\"wpex-carousel-entry-img\"><img decoding=\"async\" data-no-lazy=\"1\" class=\"skip-lazy\" src=\"https:\/\/www.garciafaura.com\/wp-content\/uploads\/2018\/11\/Promocio\u0301-Badalona-Port-01-x.jpg\" alt=\"750 Cerramientos De Aluminio En Nueva Promoci\u00f3n En Badalona\" data-no-retina \/>\n<div class=\"overlay-title-excerpt-hover overlay-hide theme-overlay textcenter\">\n\t<div class=\"overlay-table clr\">\n\t\t<div class=\"overlay-table-cell clr\">\n\t\t\t<div class=\"overlay-title\">Promoci\u00f3n Badalona Port<\/div>\n\t\t\t<div class=\"overlay-excerpt\"><p>750 cerramientos de aluminio en nueva promoci\u00f3n en Badalona<\/p><\/div>\t\t<\/div>\n\t<\/div>\n<\/div><\/a><\/div><\/div><div class=\"wpex-carousel-slide\"><div class=\"wpex-carousel-entry-media clr overlay-parent overlay-parent-title-excerpt-hover overlay-ms overlay-h\"><a href=\"https:\/\/www.garciafaura.com\/es\/portfolio-item\/promociones-biosca\/\" title=\"Promociones Biosca\" class=\"wpex-carousel-entry-img\"><img decoding=\"async\" data-no-lazy=\"1\" class=\"skip-lazy\" src=\"https:\/\/www.garciafaura.com\/wp-content\/uploads\/2018\/11\/Promocio\u0301-carrer-Biosca-01-x.jpg\" alt=\"Cerramientos De Aluminio Para 3 Edificios De Viviendas En Barcelona\" data-no-retina \/>\n<div class=\"overlay-title-excerpt-hover overlay-hide theme-overlay textcenter\">\n\t<div class=\"overlay-table clr\">\n\t\t<div class=\"overlay-table-cell clr\">\n\t\t\t<div class=\"overlay-title\">Promociones Biosca<\/div>\n\t\t\t<div class=\"overlay-excerpt\"><p>Cerramientos de aluminio para 3 edificios de viviendas en Barcelona<\/p><\/div>\t\t<\/div>\n\t<\/div>\n<\/div><\/a><\/div><\/div><div class=\"wpex-carousel-slide\"><div class=\"wpex-carousel-entry-media clr overlay-parent overlay-parent-title-excerpt-hover overlay-ms overlay-h\"><a href=\"https:\/\/www.garciafaura.com\/es\/portfolio-item\/promocion-sant-just\/\" title=\"Promoci\u00f3n Sant Just\" class=\"wpex-carousel-entry-img\"><img decoding=\"async\" data-no-lazy=\"1\" class=\"skip-lazy\" src=\"https:\/\/www.garciafaura.com\/wp-content\/uploads\/2018\/10\/Promocio\u0301-Sant-Just-01-x.jpg\" alt=\"Promoci\u00f3n De 96 Viviendas En Sant Just Desvern\" data-no-retina \/>\n<div class=\"overlay-title-excerpt-hover overlay-hide theme-overlay textcenter\">\n\t<div class=\"overlay-table clr\">\n\t\t<div class=\"overlay-table-cell clr\">\n\t\t\t<div class=\"overlay-title\">Promoci\u00f3n Sant Just<\/div>\n\t\t\t<div class=\"overlay-excerpt\"><p>Sant Just Desvern. A\u00f1o de finalizaci\u00f3n: 2015 Superficie de intervenci\u00f3n: Cerramientos: 1.390 m\u00b2 Promoci\u00f3n de&hellip;<\/p><\/div>\t\t<\/div>\n\t<\/div>\n<\/div><\/a><\/div><\/div><div class=\"wpex-carousel-slide\"><div class=\"wpex-carousel-entry-media clr overlay-parent overlay-parent-title-excerpt-hover overlay-ms overlay-h\"><a href=\"https:\/\/www.garciafaura.com\/es\/portfolio-item\/promocion-torre-diagonal\/\" title=\"Promoci\u00f3n Torre Diagonal\" class=\"wpex-carousel-entry-img\"><img decoding=\"async\" data-no-lazy=\"1\" class=\"skip-lazy\" src=\"https:\/\/www.garciafaura.com\/wp-content\/uploads\/2018\/10\/Promocio-Torre-Diagonal-01-x.jpg\" alt=\"Cerramientos Para 125 Viviendas En Torre De 26 Plantas En Barcelona\" data-no-retina \/>\n<div class=\"overlay-title-excerpt-hover overlay-hide theme-overlay textcenter\">\n\t<div class=\"overlay-table clr\">\n\t\t<div class=\"overlay-table-cell clr\">\n\t\t\t<div class=\"overlay-title\">Promoci\u00f3n Torre Diagonal<\/div>\n\t\t\t<div class=\"overlay-excerpt\"><p>Barcelona. A\u00f1o de finalizaci\u00f3n: 2016 Superficie de intervenci\u00f3n: Cerramientos: 825 unidades | Vidrio: 2.760 m\u00b2&hellip;<\/p><\/div>\t\t<\/div>\n\t<\/div>\n<\/div><\/a><\/div><\/div><div class=\"wpex-carousel-slide\"><div class=\"wpex-carousel-entry-media clr overlay-parent overlay-parent-title-excerpt-hover overlay-ms overlay-h\"><a href=\"https:\/\/www.garciafaura.com\/es\/portfolio-item\/promocion-dalt-la-vila\/\" title=\"Promoci\u00f3n Dalt La Vila\" class=\"wpex-carousel-entry-img\"><img decoding=\"async\" data-no-lazy=\"1\" class=\"skip-lazy\" src=\"https:\/\/www.garciafaura.com\/wp-content\/uploads\/2018\/09\/Promocio-Dalt-Vila-Badalona-01-x.jpg\" alt=\"Cerramientos En Promoci\u00f3n Residencial En Badalona\" data-no-retina \/>\n<div class=\"overlay-title-excerpt-hover overlay-hide theme-overlay textcenter\">\n\t<div class=\"overlay-table clr\">\n\t\t<div class=\"overlay-table-cell clr\">\n\t\t\t<div class=\"overlay-title\">Promoci\u00f3n Dalt La Vila<\/div>\n\t\t\t<div class=\"overlay-excerpt\"><p>Cerramientos en promoci\u00f3n residencial en Badalona<\/p><\/div>\t\t<\/div>\n\t<\/div>\n<\/div><\/a><\/div><\/div><div class=\"wpex-carousel-slide\"><div class=\"wpex-carousel-entry-media clr overlay-parent overlay-parent-title-excerpt-hover overlay-ms overlay-h\"><a href=\"https:\/\/www.garciafaura.com\/es\/portfolio-item\/edificio-gran-balmes\/\" title=\"Edificio Gran Balmes\" class=\"wpex-carousel-entry-img\"><img decoding=\"async\" data-no-lazy=\"1\" class=\"skip-lazy\" src=\"https:\/\/www.garciafaura.com\/wp-content\/uploads\/2019\/01\/IMG_9089-x.jpg\" alt=\"Cerramientos De Aluminio Y Vidrio Para Edificio Residencial En Barcelona\" data-no-retina \/>\n<div class=\"overlay-title-excerpt-hover overlay-hide theme-overlay textcenter\">\n\t<div class=\"overlay-table clr\">\n\t\t<div class=\"overlay-table-cell clr\">\n\t\t\t<div class=\"overlay-title\">Edificio Gran Balmes<\/div>\n\t\t\t<div class=\"overlay-excerpt\"><p>Cerramientos de aluminio y vidrio para edificio residencial en Barcelona<\/p><\/div>\t\t<\/div>\n\t<\/div>\n<\/div><\/a><\/div><\/div><\/div>[\/vc_column][\/vc_row][vc_row full_width=\u00bbstretch_row\u00bb equal_height=\u00bbyes\u00bb css=\u00bb.vc_custom_1543345712599{margin-top: 30px !important;}\u00bb][vc_column]<h3 class=\"vcex-heading-link-wrap clr\"><a class=\"vcex-module vcex-heading vcex-heading-bottom-border-w-color local-scroll-link\" href=\"https:\/\/www.garciafaura.com\/actualitat\/\" title=\"Actualitat GARCIA FAURA\" style=\"font-weight:600;border-bottom-color:#000000;\"><span class=\"vcex-heading-inner clr\" style=\"border-color:#d7515e;\">Actualidad GARCIA FAURA<\/span><\/a><\/h3><div class=\"vcex-spacing\" style=\"height:30px\"><\/div><div class=\"vcex-module vcex-blog-grid-wrap vcex-clr\"><div class=\"wpex-row vcex-blog-grid wpex-clr entries gap-5 match-height-grid\"><div class=\"vcex-blog-entry vcex-grid-item entry-has-details span_1_of_3 col-1 col post-42182 entry type-post has-media cat-3 translation_priority-6\"><div class=\"vcex-blog-entry-inner entry-inner wpex-clr\"><div class=\"vcex-blog-entry-media entry-media\"><a href=\"https:\/\/www.garciafaura.com\/es\/garcia-faura-crea-una-nova-divisio-de-manteniments\/\" title=\"GARCIA FAURA crea una nueva Divisi\u00f3n de Mantenimiento\"><img loading=\"lazy\" decoding=\"async\" class=\"vcex-blog-entry-img\" src=\"https:\/\/www.garciafaura.com\/wp-content\/uploads\/2026\/03\/Divisio-Manteniments-Garcia-Faura-2-600x400.jpg\" alt='' data-no-retina width=\"600\" height=\"400\" \/><\/a><\/div><div class=\"vcex-blog-entry-details entry-details wpex-clr\"><div class=\"match-height-content\"><h2 class=\"vcex-blog-entry-title entry-title\"><a href=\"https:\/\/www.garciafaura.com\/es\/garcia-faura-crea-una-nova-divisio-de-manteniments\/\">GARCIA FAURA crea una nueva Divisi\u00f3n de Mantenimiento<\/a><\/h2><div class=\"vcex-blog-entry-excerpt entry-excerpt entry clr\"><p>GARCIA FAURA ha puesto en marcha su nueva Divisi\u00f3n de Mantenimiento, con&hellip;<\/p><\/div><div class=\"vcex-blog-entry-readmore-wrap entry-readmore-wrap clr\"><a href=\"https:\/\/www.garciafaura.com\/es\/garcia-faura-crea-una-nova-divisio-de-manteniments\/\" class=\"theme-button minimal-border\" data-wpex-hover=\"{&quot;background&quot;:&quot;#d7515e&quot;,&quot;color&quot;:&quot;#000000&quot;}\">M\u00e1s informaci\u00f3n <span class=\"vcex-readmore-rarr\">&rarr;<\/span><\/a><\/div><\/div><\/div><\/div><\/div><div class=\"vcex-blog-entry vcex-grid-item entry-has-details span_1_of_3 col-2 col post-42047 entry type-post has-media cat-3 translation_priority-6\"><div class=\"vcex-blog-entry-inner entry-inner wpex-clr\"><div class=\"vcex-blog-entry-media entry-media\"><a href=\"https:\/\/www.garciafaura.com\/es\/el-miteco-confia-en-garcia-faura-per-a-la-renovacio-de-la-seva-seu-historica\/\" title=\"El MITECO conf\u00eda en GARCIA FAURA para la renovaci\u00f3n de su sede hist\u00f3rica\"><img loading=\"lazy\" decoding=\"async\" class=\"vcex-blog-entry-img\" src=\"https:\/\/www.garciafaura.com\/wp-content\/uploads\/2026\/03\/Sede-MITECO-600x400.png\" alt='' data-no-retina width=\"600\" height=\"400\" \/><\/a><\/div><div class=\"vcex-blog-entry-details entry-details wpex-clr\"><div class=\"match-height-content\"><h2 class=\"vcex-blog-entry-title entry-title\"><a href=\"https:\/\/www.garciafaura.com\/es\/el-miteco-confia-en-garcia-faura-per-a-la-renovacio-de-la-seva-seu-historica\/\">El MITECO conf\u00eda en GARCIA FAURA para la renovaci\u00f3n de su sede hist\u00f3rica<\/a><\/h2><div class=\"vcex-blog-entry-excerpt entry-excerpt entry clr\"><p>GARCIA FAURA participa en la rehabilitaci\u00f3n de la sede del Ministerio para&hellip;<\/p><\/div><div class=\"vcex-blog-entry-readmore-wrap entry-readmore-wrap clr\"><a href=\"https:\/\/www.garciafaura.com\/es\/el-miteco-confia-en-garcia-faura-per-a-la-renovacio-de-la-seva-seu-historica\/\" class=\"theme-button minimal-border\" data-wpex-hover=\"{&quot;background&quot;:&quot;#d7515e&quot;,&quot;color&quot;:&quot;#000000&quot;}\">M\u00e1s informaci\u00f3n <span class=\"vcex-readmore-rarr\">&rarr;<\/span><\/a><\/div><\/div><\/div><\/div><\/div><div class=\"vcex-blog-entry vcex-grid-item entry-has-details span_1_of_3 col-3 col post-41741 entry type-post has-media cat-3 post_format-65 translation_priority-6\"><div class=\"vcex-blog-entry-inner entry-inner wpex-clr\"><div class=\"vcex-blog-entry-media entry-media\"><a href=\"https:\/\/www.garciafaura.com\/es\/garcia-faura-fabrica-i-installa-les-facanes-de-ledifici-unicas-sjd\/\" title=\"GARCIA FAURA fabrica e instala las fachadas del edificio \u00danicas SJD\"><img loading=\"lazy\" decoding=\"async\" class=\"vcex-blog-entry-img\" src=\"https:\/\/www.garciafaura.com\/wp-content\/uploads\/2025\/07\/Unicas-02-baixa-600x400.jpg\" alt='' data-no-retina width=\"600\" height=\"400\" \/><\/a><\/div><div class=\"vcex-blog-entry-details entry-details wpex-clr\"><div class=\"match-height-content\"><h2 class=\"vcex-blog-entry-title entry-title\"><a href=\"https:\/\/www.garciafaura.com\/es\/garcia-faura-fabrica-i-installa-les-facanes-de-ledifici-unicas-sjd\/\">GARCIA FAURA fabrica e instala las fachadas del edificio \u00danicas SJD<\/a><\/h2><div class=\"vcex-blog-entry-excerpt entry-excerpt entry clr\"><p>GARCIA FAURA fabrica e instala fachadas, cerramientos de doble piel, muros cortina,&hellip;<\/p><\/div><div class=\"vcex-blog-entry-readmore-wrap entry-readmore-wrap clr\"><a href=\"https:\/\/www.garciafaura.com\/es\/garcia-faura-fabrica-i-installa-les-facanes-de-ledifici-unicas-sjd\/\" class=\"theme-button minimal-border\" data-wpex-hover=\"{&quot;background&quot;:&quot;#d7515e&quot;,&quot;color&quot;:&quot;#000000&quot;}\">M\u00e1s informaci\u00f3n <span class=\"vcex-readmore-rarr\">&rarr;<\/span><\/a><\/div><\/div><\/div><\/div><\/div><\/div><\/div>[\/vc_column][\/vc_row][vc_row full_width=\u00bbstretch_row\u00bb equal_height=\u00bbyes\u00bb css=\u00bb.vc_custom_1667592372798{margin-top: 30px !important;background-color: #e5e5e5 !important;}\u00bb][vc_column width=\u00bb1\/4&#8243;]<div class=\"vcex-spacing\" style=\"height:100px\"><\/div>[vc_column_text css=\u00bb\u00bb]\n<p style=\"text-align: center;\"><span style=\"font-family: 'Open Sans'; font-size: 24px;\"><strong>Descarga nuestra presentaci\u00f3n de empresa<\/strong><\/span><\/p>\n[\/vc_column_text][\/vc_column][vc_column width=\u00bb3\/4&#8243;]<div class=\"vcex-spacing\" style=\"height:30px\"><\/div>[vc_single_image image=\u00bb42009&#8243; img_size=\u00bb1200&#215;500&#8243; css_animation=\u00bbslideInRight\u00bb onclick=\u00bbcustom_link\u00bb img_link_target=\u00bb_blank\u00bb css=\u00bb\u00bb img_hover=\u00bbshrink\u00bb link=\u00bbhttps:\/\/www.garciafaura.com\/wp-content\/uploads\/2026\/03\/GARCIAFAURA_Catalogo.pdf\u00bb][\/vc_column][\/vc_row]\n<\/div>","protected":false},"excerpt":{"rendered":"<p>[vc_row full_width=\u00bbstretch_row_content\u00bb typography_style=\u00bbwhite\u00bb css=\u00bb.vc_custom_1543340787334{margin-right: 30px !important;background-color: #000000 !important;background-position: center !important;background-repeat: no-repeat !important;background-size: cover !important;}\u00bb][vc_column width=\u00bb1\/6&#8243; css=\u00bb.vc_custom_1543335477433{margin-left: 30px !important;}\u00bb][\/vc_column][vc_column width=\u00bb5\/6&#8243;][\/vc_column][\/vc_row][vc_row full_width=\u00bbstretch_row_content\u00bb typography_style=\u00bbwhite\u00bb css=\u00bb.vc_custom_1543336958370{margin-right: 30px !important;margin-left: 15px !important;background-color: #000000 !important;background-position: center !important;background-repeat: no-repeat !important;background-size: cover !important;}\u00bb][vc_column width=\u00bb5\/6&#8243; css=\u00bb.vc_custom_1543335477433{margin-left: 30px !important;}\u00bb][\/vc_column][vc_column width=\u00bb1\/6&#8243;][\/vc_column][\/vc_row][vc_row full_width=\u00bbstretch_row_content\u00bb&hellip;<\/p>\n","protected":false},"author":3,"featured_media":0,"parent":0,"menu_order":0,"comment_status":"closed","ping_status":"closed","template":"","meta":{"footnotes":""},"class_list":["post-17233","page","type-page","status-publish","hentry","entry","no-media"],"yoast_head":"<!-- This site is optimized with the Yoast SEO plugin v26.7 - https:\/\/yoast.com\/wordpress\/plugins\/seo\/ -->\n<title>Inicio - GARCIA FAURA<\/title>\n<meta name=\"description\" content=\"GARCIA FAURA \u00e9s l\u2019empresa pionera en el desenvolupament de fa\u00e7anes modulars, murs cortina i tancaments d\u2019alumini i vidre. Una companyia d\u2019arrel familiar, nascuda l\u2019any 1888 i amb projecci\u00f3 internacional. Amb seu central a Gav\u00e0 (Barcelona) i delegacions pr\u00f2pies a Col\u00f2mbia i Fran\u00e7a.\" \/>\n<meta name=\"robots\" content=\"index, follow, max-snippet:-1, max-image-preview:large, max-video-preview:-1\" \/>\n<link rel=\"canonical\" href=\"https:\/\/www.garciafaura.com\/es\/\" \/>\n<meta property=\"og:locale\" content=\"es_ES\" \/>\n<meta property=\"og:type\" content=\"article\" \/>\n<meta property=\"og:title\" content=\"Inicio - GARCIA FAURA\" \/>\n<meta property=\"og:description\" content=\"GARCIA FAURA \u00e9s l\u2019empresa pionera en el desenvolupament de fa\u00e7anes modulars, murs cortina i tancaments d\u2019alumini i vidre. Una companyia d\u2019arrel familiar, nascuda l\u2019any 1888 i amb projecci\u00f3 internacional. Amb seu central a Gav\u00e0 (Barcelona) i delegacions pr\u00f2pies a Col\u00f2mbia i Fran\u00e7a.\" \/>\n<meta property=\"og:url\" content=\"https:\/\/www.garciafaura.com\/es\/\" \/>\n<meta property=\"og:site_name\" content=\"GARCIA FAURA\" \/>\n<meta property=\"article:modified_time\" content=\"2026-03-03T15:12:06+00:00\" \/>\n<meta name=\"twitter:card\" content=\"summary_large_image\" \/>\n<meta name=\"twitter:label1\" content=\"Tiempo de lectura\" \/>\n\t<meta name=\"twitter:data1\" content=\"2 minutos\" \/>\n<script type=\"application\/ld+json\" class=\"yoast-schema-graph\">{\"@context\":\"https:\/\/schema.org\",\"@graph\":[{\"@type\":\"WebPage\",\"@id\":\"https:\/\/www.garciafaura.com\/es\/\",\"url\":\"https:\/\/www.garciafaura.com\/es\/\",\"name\":\"Inicio - GARCIA FAURA\",\"isPartOf\":{\"@id\":\"https:\/\/www.garciafaura.com\/fr\/#website\"},\"datePublished\":\"2019-02-21T18:30:46+00:00\",\"dateModified\":\"2026-03-03T15:12:06+00:00\",\"description\":\"GARCIA FAURA \u00e9s l\u2019empresa pionera en el desenvolupament de fa\u00e7anes modulars, murs cortina i tancaments d\u2019alumini i vidre. Una companyia d\u2019arrel familiar, nascuda l\u2019any 1888 i amb projecci\u00f3 internacional. Amb seu central a Gav\u00e0 (Barcelona) i delegacions pr\u00f2pies a Col\u00f2mbia i Fran\u00e7a.\",\"breadcrumb\":{\"@id\":\"https:\/\/www.garciafaura.com\/es\/#breadcrumb\"},\"inLanguage\":\"es\",\"potentialAction\":[{\"@type\":\"ReadAction\",\"target\":[\"https:\/\/www.garciafaura.com\/es\/\"]}]},{\"@type\":\"BreadcrumbList\",\"@id\":\"https:\/\/www.garciafaura.com\/es\/#breadcrumb\",\"itemListElement\":[{\"@type\":\"ListItem\",\"position\":1,\"name\":\"Inici\",\"item\":\"https:\/\/www.garciafaura.com\/es\/\"},{\"@type\":\"ListItem\",\"position\":2,\"name\":\"Inicio\"}]},{\"@type\":\"WebSite\",\"@id\":\"https:\/\/www.garciafaura.com\/fr\/#website\",\"url\":\"https:\/\/www.garciafaura.com\/fr\/\",\"name\":\"GARCIA FAURA\",\"description\":\"Arquitectura en Alumini, Inox, Ferro i Vidre\",\"publisher\":{\"@id\":\"https:\/\/www.garciafaura.com\/fr\/#organization\"},\"potentialAction\":[{\"@type\":\"SearchAction\",\"target\":{\"@type\":\"EntryPoint\",\"urlTemplate\":\"https:\/\/www.garciafaura.com\/fr\/?s={search_term_string}\"},\"query-input\":{\"@type\":\"PropertyValueSpecification\",\"valueRequired\":true,\"valueName\":\"search_term_string\"}}],\"inLanguage\":\"es\"},{\"@type\":\"Organization\",\"@id\":\"https:\/\/www.garciafaura.com\/fr\/#organization\",\"name\":\"GARCIA FAURA\",\"url\":\"https:\/\/www.garciafaura.com\/fr\/\",\"logo\":{\"@type\":\"ImageObject\",\"inLanguage\":\"es\",\"@id\":\"https:\/\/www.garciafaura.com\/fr\/#\/schema\/logo\/image\/\",\"url\":\"https:\/\/www.garciafaura.com\/wp-content\/uploads\/2018\/09\/Garcia-Faura.png\",\"contentUrl\":\"https:\/\/www.garciafaura.com\/wp-content\/uploads\/2018\/09\/Garcia-Faura.png\",\"width\":512,\"height\":512,\"caption\":\"GARCIA FAURA\"},\"image\":{\"@id\":\"https:\/\/www.garciafaura.com\/fr\/#\/schema\/logo\/image\/\"},\"sameAs\":[\"https:\/\/www.youtube.com\/user\/GARCIAFAURA\"]}]}<\/script>\n<!-- \/ Yoast SEO plugin. -->","yoast_head_json":{"title":"Inicio - GARCIA FAURA","description":"GARCIA FAURA \u00e9s l\u2019empresa pionera en el desenvolupament de fa\u00e7anes modulars, murs cortina i tancaments d\u2019alumini i vidre. Una companyia d\u2019arrel familiar, nascuda l\u2019any 1888 i amb projecci\u00f3 internacional. Amb seu central a Gav\u00e0 (Barcelona) i delegacions pr\u00f2pies a Col\u00f2mbia i Fran\u00e7a.","robots":{"index":"index","follow":"follow","max-snippet":"max-snippet:-1","max-image-preview":"max-image-preview:large","max-video-preview":"max-video-preview:-1"},"canonical":"https:\/\/www.garciafaura.com\/es\/","og_locale":"es_ES","og_type":"article","og_title":"Inicio - GARCIA FAURA","og_description":"GARCIA FAURA \u00e9s l\u2019empresa pionera en el desenvolupament de fa\u00e7anes modulars, murs cortina i tancaments d\u2019alumini i vidre. Una companyia d\u2019arrel familiar, nascuda l\u2019any 1888 i amb projecci\u00f3 internacional. Amb seu central a Gav\u00e0 (Barcelona) i delegacions pr\u00f2pies a Col\u00f2mbia i Fran\u00e7a.","og_url":"https:\/\/www.garciafaura.com\/es\/","og_site_name":"GARCIA FAURA","article_modified_time":"2026-03-03T15:12:06+00:00","twitter_card":"summary_large_image","twitter_misc":{"Tiempo de lectura":"2 minutos"},"schema":{"@context":"https:\/\/schema.org","@graph":[{"@type":"WebPage","@id":"https:\/\/www.garciafaura.com\/es\/","url":"https:\/\/www.garciafaura.com\/es\/","name":"Inicio - GARCIA FAURA","isPartOf":{"@id":"https:\/\/www.garciafaura.com\/fr\/#website"},"datePublished":"2019-02-21T18:30:46+00:00","dateModified":"2026-03-03T15:12:06+00:00","description":"GARCIA FAURA \u00e9s l\u2019empresa pionera en el desenvolupament de fa\u00e7anes modulars, murs cortina i tancaments d\u2019alumini i vidre. Una companyia d\u2019arrel familiar, nascuda l\u2019any 1888 i amb projecci\u00f3 internacional. Amb seu central a Gav\u00e0 (Barcelona) i delegacions pr\u00f2pies a Col\u00f2mbia i Fran\u00e7a.","breadcrumb":{"@id":"https:\/\/www.garciafaura.com\/es\/#breadcrumb"},"inLanguage":"es","potentialAction":[{"@type":"ReadAction","target":["https:\/\/www.garciafaura.com\/es\/"]}]},{"@type":"BreadcrumbList","@id":"https:\/\/www.garciafaura.com\/es\/#breadcrumb","itemListElement":[{"@type":"ListItem","position":1,"name":"Inici","item":"https:\/\/www.garciafaura.com\/es\/"},{"@type":"ListItem","position":2,"name":"Inicio"}]},{"@type":"WebSite","@id":"https:\/\/www.garciafaura.com\/fr\/#website","url":"https:\/\/www.garciafaura.com\/fr\/","name":"GARCIA FAURA","description":"Arquitectura en Alumini, Inox, Ferro i Vidre","publisher":{"@id":"https:\/\/www.garciafaura.com\/fr\/#organization"},"potentialAction":[{"@type":"SearchAction","target":{"@type":"EntryPoint","urlTemplate":"https:\/\/www.garciafaura.com\/fr\/?s={search_term_string}"},"query-input":{"@type":"PropertyValueSpecification","valueRequired":true,"valueName":"search_term_string"}}],"inLanguage":"es"},{"@type":"Organization","@id":"https:\/\/www.garciafaura.com\/fr\/#organization","name":"GARCIA FAURA","url":"https:\/\/www.garciafaura.com\/fr\/","logo":{"@type":"ImageObject","inLanguage":"es","@id":"https:\/\/www.garciafaura.com\/fr\/#\/schema\/logo\/image\/","url":"https:\/\/www.garciafaura.com\/wp-content\/uploads\/2018\/09\/Garcia-Faura.png","contentUrl":"https:\/\/www.garciafaura.com\/wp-content\/uploads\/2018\/09\/Garcia-Faura.png","width":512,"height":512,"caption":"GARCIA FAURA"},"image":{"@id":"https:\/\/www.garciafaura.com\/fr\/#\/schema\/logo\/image\/"},"sameAs":["https:\/\/www.youtube.com\/user\/GARCIAFAURA"]}]}},"_links":{"self":[{"href":"https:\/\/www.garciafaura.com\/es\/wp-json\/wp\/v2\/pages\/17233","targetHints":{"allow":["GET"]}}],"collection":[{"href":"https:\/\/www.garciafaura.com\/es\/wp-json\/wp\/v2\/pages"}],"about":[{"href":"https:\/\/www.garciafaura.com\/es\/wp-json\/wp\/v2\/types\/page"}],"author":[{"embeddable":true,"href":"https:\/\/www.garciafaura.com\/es\/wp-json\/wp\/v2\/users\/3"}],"replies":[{"embeddable":true,"href":"https:\/\/www.garciafaura.com\/es\/wp-json\/wp\/v2\/comments?post=17233"}],"version-history":[{"count":15,"href":"https:\/\/www.garciafaura.com\/es\/wp-json\/wp\/v2\/pages\/17233\/revisions"}],"predecessor-version":[{"id":42023,"href":"https:\/\/www.garciafaura.com\/es\/wp-json\/wp\/v2\/pages\/17233\/revisions\/42023"}],"wp:attachment":[{"href":"https:\/\/www.garciafaura.com\/es\/wp-json\/wp\/v2\/media?parent=17233"}],"curies":[{"name":"wp","href":"https:\/\/api.w.org\/{rel}","templated":true}]}}