{"id":17231,"date":"2019-02-21T18:25:23","date_gmt":"2019-02-21T18:25:23","guid":{"rendered":"https:\/\/www.garciafaura.com\/hoteles-ejecutados-por-garcia-faura\/"},"modified":"2021-08-03T08:59:07","modified_gmt":"2021-08-03T06:59:07","slug":"hoteles-ejecutados-por-garcia-faura","status":"publish","type":"page","link":"https:\/\/www.garciafaura.com\/es\/hoteles-ejecutados-por-garcia-faura\/","title":{"rendered":"Hoteles ejecutados por GARCIA FAURA"},"content":{"rendered":"<div class=\"wpb-content-wrapper\">[vc_row full_width=\u00bbstretch_row\u00bb wpex_bg_overlay=\u00bbcolor\u00bb wpex_bg_overlay_color=\u00bb#d9d9d9&#8243; wpex_bg_overlay_opacity=\u00bb0.85&#8243;][vc_column]<div class=\"vcex-spacing\" style=\"height:30px\"><\/div>[vc_column_text]\n<div class=\"\"><span style=\"font-family: 'Open Sans'; font-size: 18px;\">La larga trayectoria de <strong>GARCIA FAURA<\/strong> al frente del sector hotelero confiere a la empresa una experiencia t\u00e9cnica de primer nivel en el sector. Ya sean de nueva construcci\u00f3n o rehabilitaci\u00f3n, las fachadas y cerramientos contribuye a alcanzar los est\u00e1ndares de calidad, bienestar y confort al nivel de la exigencia de los hu\u00e9spedes. <\/span><\/div>\n[\/vc_column_text][\/vc_column][\/vc_row][vc_row][vc_column width=\u00bb1\/2&#8243;][\/vc_column][vc_column width=\u00bb1\/2&#8243;]<div class=\"vcex-spacing\" style=\"height:30px\"><\/div><div class=\"vcex-module vcex-searchbar clr\"><form method=\"get\" class=\"vcex-searchbar-form\" action=\"https:\/\/www.garciafaura.com\/es\/\"><input type=\"search\" class=\"vcex-searchbar-input \" name=\"s\" placeholder=\"B\u00fasqueda\" \/><input type=\"hidden\" name=\"post_type\" value=\"portfolio\"><input type=\"hidden\" name=\"lang\" value=\"ca\"><button class=\"vcex-searchbar-button\" style=\"background:#d7515e;font-weight:200;\">B\u00fasqueda de proyectos<\/button><\/form><\/div>[\/vc_column][\/vc_row][vc_row full_width=\u00bbstretch_row\u00bb][vc_column]<div class=\"vcex-module vcex-portfolio-grid-wrap wpex-clr\"><div class=\"wpex-row vcex-portfolio-grid wpex-clr entries vcex-isotope-grid vcex-no-margin-grid\" data-show_title=\"false\"><div class=\"portfolio-entry vcex-grid-item entry-has-details span_1_of_3 col col-1 vcex-isotope-entry vcex-no-margin-entry post-31255 entry type-portfolio has-media cat-51 cat-52 cat-53 cat-54 cat-58 cat-59 translation_priority-6\"><div class=\"portfolio-entry-inner entry-inner wpex-clr\"><div class=\"portfolio-entry-media entry-media wpex-clr\"><a href=\"https:\/\/www.garciafaura.com\/wp-content\/uploads\/2023\/02\/Hotel-NH-Calderon-50.jpg\" title=\"Hotel NH Calder\u00f3n\" class=\"portfolio-entry-media-link wpex-lightbox-gallery\" data-gallery=\"[{&quot;src&quot;:&quot;https:\\\/\\\/www.garciafaura.com\\\/wp-content\\\/uploads\\\/2023\\\/02\\\/Hotel-NH-Calderon-50.jpg&quot;},{&quot;src&quot;:&quot;https:\\\/\\\/www.garciafaura.com\\\/wp-content\\\/uploads\\\/2023\\\/02\\\/Hotel-NH-Calderon-1.jpg&quot;},{&quot;src&quot;:&quot;https:\\\/\\\/www.garciafaura.com\\\/wp-content\\\/uploads\\\/2023\\\/02\\\/Hotel-NH-Calderon-49.jpg&quot;},{&quot;src&quot;:&quot;https:\\\/\\\/www.garciafaura.com\\\/wp-content\\\/uploads\\\/2023\\\/02\\\/Hotel-NH-Calderon-48.jpg&quot;},{&quot;src&quot;:&quot;https:\\\/\\\/www.garciafaura.com\\\/wp-content\\\/uploads\\\/2023\\\/02\\\/Hotel-NH-Calderon-47.jpg&quot;},{&quot;src&quot;:&quot;https:\\\/\\\/www.garciafaura.com\\\/wp-content\\\/uploads\\\/2023\\\/02\\\/Hotel-NH-Calderon-46.jpg&quot;},{&quot;src&quot;:&quot;https:\\\/\\\/www.garciafaura.com\\\/wp-content\\\/uploads\\\/2023\\\/02\\\/Hotel-NH-Calderon-45.jpg&quot;},{&quot;src&quot;:&quot;https:\\\/\\\/www.garciafaura.com\\\/wp-content\\\/uploads\\\/2023\\\/02\\\/Hotel-NH-Calderon-44.jpg&quot;},{&quot;src&quot;:&quot;https:\\\/\\\/www.garciafaura.com\\\/wp-content\\\/uploads\\\/2023\\\/02\\\/Hotel-NH-Calderon-43.jpg&quot;},{&quot;src&quot;:&quot;https:\\\/\\\/www.garciafaura.com\\\/wp-content\\\/uploads\\\/2023\\\/02\\\/Hotel-NH-Calderon-42.jpg&quot;},{&quot;src&quot;:&quot;https:\\\/\\\/www.garciafaura.com\\\/wp-content\\\/uploads\\\/2023\\\/02\\\/Hotel-NH-Calderon-41.jpg&quot;},{&quot;src&quot;:&quot;https:\\\/\\\/www.garciafaura.com\\\/wp-content\\\/uploads\\\/2023\\\/02\\\/Hotel-NH-Calderon-40.jpg&quot;},{&quot;src&quot;:&quot;https:\\\/\\\/www.garciafaura.com\\\/wp-content\\\/uploads\\\/2023\\\/02\\\/Hotel-NH-Calderon-39.jpg&quot;},{&quot;src&quot;:&quot;https:\\\/\\\/www.garciafaura.com\\\/wp-content\\\/uploads\\\/2023\\\/02\\\/Hotel-NH-Calderon-38.jpg&quot;},{&quot;src&quot;:&quot;https:\\\/\\\/www.garciafaura.com\\\/wp-content\\\/uploads\\\/2023\\\/02\\\/Hotel-NH-Calderon-37.jpg&quot;},{&quot;src&quot;:&quot;https:\\\/\\\/www.garciafaura.com\\\/wp-content\\\/uploads\\\/2023\\\/02\\\/Hotel-NH-Calderon-36.jpg&quot;},{&quot;src&quot;:&quot;https:\\\/\\\/www.garciafaura.com\\\/wp-content\\\/uploads\\\/2023\\\/02\\\/Hotel-NH-Calderon-35.jpg&quot;},{&quot;src&quot;:&quot;https:\\\/\\\/www.garciafaura.com\\\/wp-content\\\/uploads\\\/2023\\\/02\\\/Hotel-NH-Calderon-34.jpg&quot;},{&quot;src&quot;:&quot;https:\\\/\\\/www.garciafaura.com\\\/wp-content\\\/uploads\\\/2023\\\/02\\\/Hotel-NH-Calderon-33.jpg&quot;},{&quot;src&quot;:&quot;https:\\\/\\\/www.garciafaura.com\\\/wp-content\\\/uploads\\\/2023\\\/02\\\/Hotel-NH-Calderon-32.jpg&quot;},{&quot;src&quot;:&quot;https:\\\/\\\/www.garciafaura.com\\\/wp-content\\\/uploads\\\/2023\\\/02\\\/Hotel-NH-Calderon-31.jpg&quot;},{&quot;src&quot;:&quot;https:\\\/\\\/www.garciafaura.com\\\/wp-content\\\/uploads\\\/2023\\\/02\\\/Hotel-NH-Calderon-30.jpg&quot;},{&quot;src&quot;:&quot;https:\\\/\\\/www.garciafaura.com\\\/wp-content\\\/uploads\\\/2023\\\/02\\\/Hotel-NH-Calderon-29.jpg&quot;},{&quot;src&quot;:&quot;https:\\\/\\\/www.garciafaura.com\\\/wp-content\\\/uploads\\\/2023\\\/02\\\/Hotel-NH-Calderon-28.jpg&quot;},{&quot;src&quot;:&quot;https:\\\/\\\/www.garciafaura.com\\\/wp-content\\\/uploads\\\/2023\\\/02\\\/Hotel-NH-Calderon-27.jpg&quot;},{&quot;src&quot;:&quot;https:\\\/\\\/www.garciafaura.com\\\/wp-content\\\/uploads\\\/2023\\\/02\\\/Hotel-NH-Calderon-26.jpg&quot;},{&quot;src&quot;:&quot;https:\\\/\\\/www.garciafaura.com\\\/wp-content\\\/uploads\\\/2023\\\/02\\\/Hotel-NH-Calderon-25.jpg&quot;},{&quot;src&quot;:&quot;https:\\\/\\\/www.garciafaura.com\\\/wp-content\\\/uploads\\\/2023\\\/02\\\/Hotel-NH-Calderon-24.jpg&quot;},{&quot;src&quot;:&quot;https:\\\/\\\/www.garciafaura.com\\\/wp-content\\\/uploads\\\/2023\\\/02\\\/Hotel-NH-Calderon-23.jpg&quot;},{&quot;src&quot;:&quot;https:\\\/\\\/www.garciafaura.com\\\/wp-content\\\/uploads\\\/2023\\\/02\\\/Hotel-NH-Calderon-22.jpg&quot;},{&quot;src&quot;:&quot;https:\\\/\\\/www.garciafaura.com\\\/wp-content\\\/uploads\\\/2023\\\/02\\\/Hotel-NH-Calderon-21.jpg&quot;},{&quot;src&quot;:&quot;https:\\\/\\\/www.garciafaura.com\\\/wp-content\\\/uploads\\\/2023\\\/02\\\/Hotel-NH-Calderon-20.jpg&quot;},{&quot;src&quot;:&quot;https:\\\/\\\/www.garciafaura.com\\\/wp-content\\\/uploads\\\/2023\\\/02\\\/Hotel-NH-Calderon-19.jpg&quot;},{&quot;src&quot;:&quot;https:\\\/\\\/www.garciafaura.com\\\/wp-content\\\/uploads\\\/2023\\\/02\\\/Hotel-NH-Calderon-18.jpg&quot;},{&quot;src&quot;:&quot;https:\\\/\\\/www.garciafaura.com\\\/wp-content\\\/uploads\\\/2023\\\/02\\\/Hotel-NH-Calderon-17.jpg&quot;},{&quot;src&quot;:&quot;https:\\\/\\\/www.garciafaura.com\\\/wp-content\\\/uploads\\\/2023\\\/02\\\/Hotel-NH-Calderon-16.jpg&quot;},{&quot;src&quot;:&quot;https:\\\/\\\/www.garciafaura.com\\\/wp-content\\\/uploads\\\/2023\\\/02\\\/Hotel-NH-Calderon-15.jpg&quot;},{&quot;src&quot;:&quot;https:\\\/\\\/www.garciafaura.com\\\/wp-content\\\/uploads\\\/2023\\\/02\\\/Hotel-NH-Calderon-14.jpg&quot;},{&quot;src&quot;:&quot;https:\\\/\\\/www.garciafaura.com\\\/wp-content\\\/uploads\\\/2023\\\/02\\\/Hotel-NH-Calderon-13.jpg&quot;},{&quot;src&quot;:&quot;https:\\\/\\\/www.garciafaura.com\\\/wp-content\\\/uploads\\\/2023\\\/02\\\/Hotel-NH-Calderon-12.jpg&quot;},{&quot;src&quot;:&quot;https:\\\/\\\/www.garciafaura.com\\\/wp-content\\\/uploads\\\/2023\\\/02\\\/Hotel-NH-Calderon-11.jpg&quot;},{&quot;src&quot;:&quot;https:\\\/\\\/www.garciafaura.com\\\/wp-content\\\/uploads\\\/2023\\\/02\\\/Hotel-NH-Calderon-10.jpg&quot;},{&quot;src&quot;:&quot;https:\\\/\\\/www.garciafaura.com\\\/wp-content\\\/uploads\\\/2023\\\/02\\\/Hotel-NH-Calderon-9.jpg&quot;},{&quot;src&quot;:&quot;https:\\\/\\\/www.garciafaura.com\\\/wp-content\\\/uploads\\\/2023\\\/02\\\/Hotel-NH-Calderon-8.jpg&quot;},{&quot;src&quot;:&quot;https:\\\/\\\/www.garciafaura.com\\\/wp-content\\\/uploads\\\/2023\\\/02\\\/Hotel-NH-Calderon-7.jpg&quot;},{&quot;src&quot;:&quot;https:\\\/\\\/www.garciafaura.com\\\/wp-content\\\/uploads\\\/2023\\\/02\\\/Hotel-NH-Calderon-6.jpg&quot;},{&quot;src&quot;:&quot;https:\\\/\\\/www.garciafaura.com\\\/wp-content\\\/uploads\\\/2023\\\/02\\\/Hotel-NH-Calderon-5.jpg&quot;},{&quot;src&quot;:&quot;https:\\\/\\\/www.garciafaura.com\\\/wp-content\\\/uploads\\\/2023\\\/02\\\/Hotel-NH-Calderon-4.jpg&quot;},{&quot;src&quot;:&quot;https:\\\/\\\/www.garciafaura.com\\\/wp-content\\\/uploads\\\/2023\\\/02\\\/Hotel-NH-Calderon-3.jpg&quot;},{&quot;src&quot;:&quot;https:\\\/\\\/www.garciafaura.com\\\/wp-content\\\/uploads\\\/2023\\\/02\\\/Hotel-NH-Calderon-2.jpg&quot;}]\"><img loading=\"lazy\" decoding=\"async\" data-no-lazy=\"1\" class=\"portfolio-entry-img skip-lazy\" src=\"https:\/\/www.garciafaura.com\/wp-content\/uploads\/2023\/02\/Hotel-NH-Calderon-50-600x314.jpg\" alt='' data-no-retina width=\"600\" height=\"314\" \/><\/a><\/div><div class=\"portfolio-entry-details entry-details wpex-clr\"><h2 class=\"portfolio-entry-title entry-title\"><a href=\"https:\/\/www.garciafaura.com\/es\/portfolio-item\/hotel-nh-calderon\/\" title=\"Hotel NH Calder\u00f3n\">Hotel NH Calder\u00f3n<\/a><\/h2><div class=\"portfolio-entry-categories entry-categories wpex-clr\"><a href=\"https:\/\/www.garciafaura.com\/es\/portfolio-category\/fachadas\/\" class=\"term-51\">Fachadas<\/a><\/div><\/div><\/div><\/div><div class=\"portfolio-entry vcex-grid-item entry-has-details span_1_of_3 col col-2 vcex-isotope-entry vcex-no-margin-entry post-31247 entry type-portfolio has-media cat-51 cat-52 cat-53 cat-54 translation_priority-6\"><div class=\"portfolio-entry-inner entry-inner wpex-clr\"><div class=\"portfolio-entry-media entry-media wpex-clr\"><a href=\"https:\/\/www.garciafaura.com\/wp-content\/uploads\/2023\/02\/Hotel-SB-Sant-Feliu-Llobregat-16.jpg\" title=\"Hotel SB Sant Feliu de Llobregat\" class=\"portfolio-entry-media-link wpex-lightbox-gallery\" data-gallery=\"[{&quot;src&quot;:&quot;https:\\\/\\\/www.garciafaura.com\\\/wp-content\\\/uploads\\\/2023\\\/02\\\/Hotel-SB-Sant-Feliu-Llobregat-16.jpg&quot;},{&quot;src&quot;:&quot;https:\\\/\\\/www.garciafaura.com\\\/wp-content\\\/uploads\\\/2023\\\/02\\\/Hotel-SB-Sant-Feliu-Llobregat-37.jpg&quot;},{&quot;src&quot;:&quot;https:\\\/\\\/www.garciafaura.com\\\/wp-content\\\/uploads\\\/2023\\\/02\\\/Hotel-SB-Sant-Feliu-Llobregat-36.jpg&quot;},{&quot;src&quot;:&quot;https:\\\/\\\/www.garciafaura.com\\\/wp-content\\\/uploads\\\/2023\\\/02\\\/Hotel-SB-Sant-Feliu-Llobregat-35.jpg&quot;},{&quot;src&quot;:&quot;https:\\\/\\\/www.garciafaura.com\\\/wp-content\\\/uploads\\\/2023\\\/02\\\/Hotel-SB-Sant-Feliu-Llobregat-34.jpg&quot;},{&quot;src&quot;:&quot;https:\\\/\\\/www.garciafaura.com\\\/wp-content\\\/uploads\\\/2023\\\/02\\\/Hotel-SB-Sant-Feliu-Llobregat-33.jpg&quot;},{&quot;src&quot;:&quot;https:\\\/\\\/www.garciafaura.com\\\/wp-content\\\/uploads\\\/2023\\\/02\\\/Hotel-SB-Sant-Feliu-Llobregat-32.jpg&quot;},{&quot;src&quot;:&quot;https:\\\/\\\/www.garciafaura.com\\\/wp-content\\\/uploads\\\/2023\\\/02\\\/Hotel-SB-Sant-Feliu-Llobregat-31.jpg&quot;},{&quot;src&quot;:&quot;https:\\\/\\\/www.garciafaura.com\\\/wp-content\\\/uploads\\\/2023\\\/02\\\/Hotel-SB-Sant-Feliu-Llobregat-30.jpg&quot;},{&quot;src&quot;:&quot;https:\\\/\\\/www.garciafaura.com\\\/wp-content\\\/uploads\\\/2023\\\/02\\\/Hotel-SB-Sant-Feliu-Llobregat-29.jpg&quot;},{&quot;src&quot;:&quot;https:\\\/\\\/www.garciafaura.com\\\/wp-content\\\/uploads\\\/2023\\\/02\\\/Hotel-SB-Sant-Feliu-Llobregat-28.jpg&quot;},{&quot;src&quot;:&quot;https:\\\/\\\/www.garciafaura.com\\\/wp-content\\\/uploads\\\/2023\\\/02\\\/Hotel-SB-Sant-Feliu-Llobregat-27.jpg&quot;},{&quot;src&quot;:&quot;https:\\\/\\\/www.garciafaura.com\\\/wp-content\\\/uploads\\\/2023\\\/02\\\/Hotel-SB-Sant-Feliu-Llobregat-26.jpg&quot;},{&quot;src&quot;:&quot;https:\\\/\\\/www.garciafaura.com\\\/wp-content\\\/uploads\\\/2023\\\/02\\\/Hotel-SB-Sant-Feliu-Llobregat-25.jpg&quot;},{&quot;src&quot;:&quot;https:\\\/\\\/www.garciafaura.com\\\/wp-content\\\/uploads\\\/2023\\\/02\\\/Hotel-SB-Sant-Feliu-Llobregat-24.jpg&quot;},{&quot;src&quot;:&quot;https:\\\/\\\/www.garciafaura.com\\\/wp-content\\\/uploads\\\/2023\\\/02\\\/Hotel-SB-Sant-Feliu-Llobregat-23.jpg&quot;},{&quot;src&quot;:&quot;https:\\\/\\\/www.garciafaura.com\\\/wp-content\\\/uploads\\\/2023\\\/02\\\/Hotel-SB-Sant-Feliu-Llobregat-22.jpg&quot;},{&quot;src&quot;:&quot;https:\\\/\\\/www.garciafaura.com\\\/wp-content\\\/uploads\\\/2023\\\/02\\\/Hotel-SB-Sant-Feliu-Llobregat-21.jpg&quot;},{&quot;src&quot;:&quot;https:\\\/\\\/www.garciafaura.com\\\/wp-content\\\/uploads\\\/2023\\\/02\\\/Hotel-SB-Sant-Feliu-Llobregat-20.jpg&quot;},{&quot;src&quot;:&quot;https:\\\/\\\/www.garciafaura.com\\\/wp-content\\\/uploads\\\/2023\\\/02\\\/Hotel-SB-Sant-Feliu-Llobregat-19.jpg&quot;},{&quot;src&quot;:&quot;https:\\\/\\\/www.garciafaura.com\\\/wp-content\\\/uploads\\\/2023\\\/02\\\/Hotel-SB-Sant-Feliu-Llobregat-18.jpg&quot;},{&quot;src&quot;:&quot;https:\\\/\\\/www.garciafaura.com\\\/wp-content\\\/uploads\\\/2023\\\/02\\\/Hotel-SB-Sant-Feliu-Llobregat-17.jpg&quot;},{&quot;src&quot;:&quot;https:\\\/\\\/www.garciafaura.com\\\/wp-content\\\/uploads\\\/2023\\\/02\\\/Hotel-SB-Sant-Feliu-Llobregat-15.jpg&quot;},{&quot;src&quot;:&quot;https:\\\/\\\/www.garciafaura.com\\\/wp-content\\\/uploads\\\/2023\\\/02\\\/Hotel-SB-Sant-Feliu-Llobregat-14.jpg&quot;},{&quot;src&quot;:&quot;https:\\\/\\\/www.garciafaura.com\\\/wp-content\\\/uploads\\\/2023\\\/02\\\/Hotel-SB-Sant-Feliu-Llobregat-13.jpg&quot;},{&quot;src&quot;:&quot;https:\\\/\\\/www.garciafaura.com\\\/wp-content\\\/uploads\\\/2023\\\/02\\\/Hotel-SB-Sant-Feliu-Llobregat-12.jpg&quot;},{&quot;src&quot;:&quot;https:\\\/\\\/www.garciafaura.com\\\/wp-content\\\/uploads\\\/2023\\\/02\\\/Hotel-SB-Sant-Feliu-Llobregat-11.jpg&quot;},{&quot;src&quot;:&quot;https:\\\/\\\/www.garciafaura.com\\\/wp-content\\\/uploads\\\/2023\\\/02\\\/Hotel-SB-Sant-Feliu-Llobregat-10.jpg&quot;},{&quot;src&quot;:&quot;https:\\\/\\\/www.garciafaura.com\\\/wp-content\\\/uploads\\\/2023\\\/02\\\/Hotel-SB-Sant-Feliu-Llobregat-9.jpg&quot;},{&quot;src&quot;:&quot;https:\\\/\\\/www.garciafaura.com\\\/wp-content\\\/uploads\\\/2023\\\/02\\\/Hotel-SB-Sant-Feliu-Llobregat-8.jpg&quot;},{&quot;src&quot;:&quot;https:\\\/\\\/www.garciafaura.com\\\/wp-content\\\/uploads\\\/2023\\\/02\\\/Hotel-SB-Sant-Feliu-Llobregat-7.jpg&quot;},{&quot;src&quot;:&quot;https:\\\/\\\/www.garciafaura.com\\\/wp-content\\\/uploads\\\/2023\\\/02\\\/Hotel-SB-Sant-Feliu-Llobregat-6.jpg&quot;},{&quot;src&quot;:&quot;https:\\\/\\\/www.garciafaura.com\\\/wp-content\\\/uploads\\\/2023\\\/02\\\/Hotel-SB-Sant-Feliu-Llobregat-5.jpg&quot;},{&quot;src&quot;:&quot;https:\\\/\\\/www.garciafaura.com\\\/wp-content\\\/uploads\\\/2023\\\/02\\\/Hotel-SB-Sant-Feliu-Llobregat-4.jpg&quot;},{&quot;src&quot;:&quot;https:\\\/\\\/www.garciafaura.com\\\/wp-content\\\/uploads\\\/2023\\\/02\\\/Hotel-SB-Sant-Feliu-Llobregat-3.jpg&quot;},{&quot;src&quot;:&quot;https:\\\/\\\/www.garciafaura.com\\\/wp-content\\\/uploads\\\/2023\\\/02\\\/Hotel-SB-Sant-Feliu-Llobregat-2.jpg&quot;},{&quot;src&quot;:&quot;https:\\\/\\\/www.garciafaura.com\\\/wp-content\\\/uploads\\\/2023\\\/02\\\/Hotel-SB-Sant-Feliu-Llobregat-1.jpg&quot;}]\"><img loading=\"lazy\" decoding=\"async\" data-no-lazy=\"1\" class=\"portfolio-entry-img skip-lazy\" src=\"https:\/\/www.garciafaura.com\/wp-content\/uploads\/2023\/02\/Hotel-SB-Sant-Feliu-Llobregat-16-600x314.jpg\" alt='' data-no-retina width=\"600\" height=\"314\" \/><\/a><\/div><div class=\"portfolio-entry-details entry-details wpex-clr\"><h2 class=\"portfolio-entry-title entry-title\"><a href=\"https:\/\/www.garciafaura.com\/es\/portfolio-item\/hotel-sb-sant-feliu-de-llobregat\/\" title=\"Hotel SB Sant Feliu de Llobregat\">Hotel SB Sant Feliu de Llobregat<\/a><\/h2><div class=\"portfolio-entry-categories entry-categories wpex-clr\"><a href=\"https:\/\/www.garciafaura.com\/es\/portfolio-category\/fachadas-destacado\/\" class=\"term-52\">Fachadas Destacado<\/a><\/div><\/div><\/div><\/div><div class=\"portfolio-entry vcex-grid-item entry-has-details span_1_of_3 col col-3 vcex-isotope-entry vcex-no-margin-entry post-31062 entry type-portfolio has-media cat-51 cat-52 cat-53 cat-54 translation_priority-6\"><div class=\"portfolio-entry-inner entry-inner wpex-clr\"><div class=\"portfolio-entry-media entry-media wpex-clr\"><a href=\"https:\/\/www.garciafaura.com\/wp-content\/uploads\/2022\/11\/Hotel-Bitagora-33.jpg\" title=\"Hotel Bit\u00e0gora\" class=\"portfolio-entry-media-link wpex-lightbox-gallery\" data-gallery=\"[{&quot;src&quot;:&quot;https:\\\/\\\/www.garciafaura.com\\\/wp-content\\\/uploads\\\/2022\\\/11\\\/Hotel-Bitagora-33.jpg&quot;},{&quot;src&quot;:&quot;https:\\\/\\\/www.garciafaura.com\\\/wp-content\\\/uploads\\\/2022\\\/11\\\/Hotel-Bitagora-44.jpg&quot;},{&quot;src&quot;:&quot;https:\\\/\\\/www.garciafaura.com\\\/wp-content\\\/uploads\\\/2022\\\/11\\\/Hotel-Bitagora-43.jpg&quot;},{&quot;src&quot;:&quot;https:\\\/\\\/www.garciafaura.com\\\/wp-content\\\/uploads\\\/2022\\\/11\\\/Hotel-Bitagora-42.jpg&quot;},{&quot;src&quot;:&quot;https:\\\/\\\/www.garciafaura.com\\\/wp-content\\\/uploads\\\/2022\\\/11\\\/Hotel-Bitagora-41.jpg&quot;},{&quot;src&quot;:&quot;https:\\\/\\\/www.garciafaura.com\\\/wp-content\\\/uploads\\\/2022\\\/11\\\/Hotel-Bitagora-40.jpg&quot;},{&quot;src&quot;:&quot;https:\\\/\\\/www.garciafaura.com\\\/wp-content\\\/uploads\\\/2022\\\/11\\\/Hotel-Bitagora-39.jpg&quot;},{&quot;src&quot;:&quot;https:\\\/\\\/www.garciafaura.com\\\/wp-content\\\/uploads\\\/2022\\\/11\\\/Hotel-Bitagora-38.jpg&quot;},{&quot;src&quot;:&quot;https:\\\/\\\/www.garciafaura.com\\\/wp-content\\\/uploads\\\/2022\\\/11\\\/Hotel-Bitagora-37.jpg&quot;},{&quot;src&quot;:&quot;https:\\\/\\\/www.garciafaura.com\\\/wp-content\\\/uploads\\\/2022\\\/11\\\/Hotel-Bitagora-36.jpg&quot;},{&quot;src&quot;:&quot;https:\\\/\\\/www.garciafaura.com\\\/wp-content\\\/uploads\\\/2022\\\/11\\\/Hotel-Bitagora-35.jpg&quot;},{&quot;src&quot;:&quot;https:\\\/\\\/www.garciafaura.com\\\/wp-content\\\/uploads\\\/2022\\\/11\\\/Hotel-Bitagora-34.jpg&quot;},{&quot;src&quot;:&quot;https:\\\/\\\/www.garciafaura.com\\\/wp-content\\\/uploads\\\/2022\\\/11\\\/Hotel-Bitagora-32.jpg&quot;},{&quot;src&quot;:&quot;https:\\\/\\\/www.garciafaura.com\\\/wp-content\\\/uploads\\\/2022\\\/11\\\/Hotel-Bitagora-31.jpg&quot;},{&quot;src&quot;:&quot;https:\\\/\\\/www.garciafaura.com\\\/wp-content\\\/uploads\\\/2022\\\/11\\\/Hotel-Bitagora-30.jpg&quot;},{&quot;src&quot;:&quot;https:\\\/\\\/www.garciafaura.com\\\/wp-content\\\/uploads\\\/2022\\\/11\\\/Hotel-Bitagora-29.jpg&quot;},{&quot;src&quot;:&quot;https:\\\/\\\/www.garciafaura.com\\\/wp-content\\\/uploads\\\/2022\\\/11\\\/Hotel-Bitagora-28.jpg&quot;},{&quot;src&quot;:&quot;https:\\\/\\\/www.garciafaura.com\\\/wp-content\\\/uploads\\\/2022\\\/11\\\/Hotel-Bitagora-27.jpg&quot;},{&quot;src&quot;:&quot;https:\\\/\\\/www.garciafaura.com\\\/wp-content\\\/uploads\\\/2022\\\/11\\\/Hotel-Bitagora-26.jpg&quot;},{&quot;src&quot;:&quot;https:\\\/\\\/www.garciafaura.com\\\/wp-content\\\/uploads\\\/2022\\\/11\\\/Hotel-Bitagora-25.jpg&quot;},{&quot;src&quot;:&quot;https:\\\/\\\/www.garciafaura.com\\\/wp-content\\\/uploads\\\/2022\\\/11\\\/Hotel-Bitagora-24.jpg&quot;},{&quot;src&quot;:&quot;https:\\\/\\\/www.garciafaura.com\\\/wp-content\\\/uploads\\\/2022\\\/11\\\/Hotel-Bitagora-23.jpg&quot;},{&quot;src&quot;:&quot;https:\\\/\\\/www.garciafaura.com\\\/wp-content\\\/uploads\\\/2022\\\/11\\\/Hotel-Bitagora-22.jpg&quot;},{&quot;src&quot;:&quot;https:\\\/\\\/www.garciafaura.com\\\/wp-content\\\/uploads\\\/2022\\\/11\\\/Hotel-Bitagora-21.jpg&quot;},{&quot;src&quot;:&quot;https:\\\/\\\/www.garciafaura.com\\\/wp-content\\\/uploads\\\/2022\\\/11\\\/Hotel-Bitagora-20.jpg&quot;},{&quot;src&quot;:&quot;https:\\\/\\\/www.garciafaura.com\\\/wp-content\\\/uploads\\\/2022\\\/11\\\/Hotel-Bitagora-19.jpg&quot;},{&quot;src&quot;:&quot;https:\\\/\\\/www.garciafaura.com\\\/wp-content\\\/uploads\\\/2022\\\/11\\\/Hotel-Bitagora-18.jpg&quot;},{&quot;src&quot;:&quot;https:\\\/\\\/www.garciafaura.com\\\/wp-content\\\/uploads\\\/2022\\\/11\\\/Hotel-Bitagora-17.jpg&quot;},{&quot;src&quot;:&quot;https:\\\/\\\/www.garciafaura.com\\\/wp-content\\\/uploads\\\/2022\\\/11\\\/Hotel-Bitagora-16.jpg&quot;},{&quot;src&quot;:&quot;https:\\\/\\\/www.garciafaura.com\\\/wp-content\\\/uploads\\\/2022\\\/11\\\/Hotel-Bitagora-15.jpg&quot;},{&quot;src&quot;:&quot;https:\\\/\\\/www.garciafaura.com\\\/wp-content\\\/uploads\\\/2022\\\/11\\\/Hotel-Bitagora-14.jpg&quot;},{&quot;src&quot;:&quot;https:\\\/\\\/www.garciafaura.com\\\/wp-content\\\/uploads\\\/2022\\\/11\\\/Hotel-Bitagora-13.jpg&quot;},{&quot;src&quot;:&quot;https:\\\/\\\/www.garciafaura.com\\\/wp-content\\\/uploads\\\/2022\\\/11\\\/Hotel-Bitagora-12.jpg&quot;},{&quot;src&quot;:&quot;https:\\\/\\\/www.garciafaura.com\\\/wp-content\\\/uploads\\\/2022\\\/11\\\/Hotel-Bitagora-11.jpg&quot;},{&quot;src&quot;:&quot;https:\\\/\\\/www.garciafaura.com\\\/wp-content\\\/uploads\\\/2022\\\/11\\\/Hotel-Bitagora-10.jpg&quot;},{&quot;src&quot;:&quot;https:\\\/\\\/www.garciafaura.com\\\/wp-content\\\/uploads\\\/2022\\\/11\\\/Hotel-Bitagora-9.jpg&quot;},{&quot;src&quot;:&quot;https:\\\/\\\/www.garciafaura.com\\\/wp-content\\\/uploads\\\/2022\\\/11\\\/Hotel-Bitagora-8.jpg&quot;},{&quot;src&quot;:&quot;https:\\\/\\\/www.garciafaura.com\\\/wp-content\\\/uploads\\\/2022\\\/11\\\/Hotel-Bitagora-7.jpg&quot;},{&quot;src&quot;:&quot;https:\\\/\\\/www.garciafaura.com\\\/wp-content\\\/uploads\\\/2022\\\/11\\\/Hotel-Bitagora-6.jpg&quot;},{&quot;src&quot;:&quot;https:\\\/\\\/www.garciafaura.com\\\/wp-content\\\/uploads\\\/2022\\\/11\\\/Hotel-Bitagora-5.jpg&quot;},{&quot;src&quot;:&quot;https:\\\/\\\/www.garciafaura.com\\\/wp-content\\\/uploads\\\/2022\\\/11\\\/Hotel-Bitagora-4.jpg&quot;},{&quot;src&quot;:&quot;https:\\\/\\\/www.garciafaura.com\\\/wp-content\\\/uploads\\\/2022\\\/11\\\/Hotel-Bitagora-3.jpg&quot;},{&quot;src&quot;:&quot;https:\\\/\\\/www.garciafaura.com\\\/wp-content\\\/uploads\\\/2022\\\/11\\\/Hotel-Bitagora-2.jpg&quot;},{&quot;src&quot;:&quot;https:\\\/\\\/www.garciafaura.com\\\/wp-content\\\/uploads\\\/2022\\\/11\\\/Hotel-Bitagora-1.jpg&quot;}]\"><img loading=\"lazy\" decoding=\"async\" data-no-lazy=\"1\" class=\"portfolio-entry-img skip-lazy\" src=\"https:\/\/www.garciafaura.com\/wp-content\/uploads\/2022\/11\/Hotel-Bitagora-33-600x314.jpg\" alt='' data-no-retina width=\"600\" height=\"314\" \/><\/a><\/div><div class=\"portfolio-entry-details entry-details wpex-clr\"><h2 class=\"portfolio-entry-title entry-title\"><a href=\"https:\/\/www.garciafaura.com\/es\/portfolio-item\/hotel-en-viladecans\/\" title=\"Hotel Bit\u00e0gora\">Hotel Bit\u00e0gora<\/a><\/h2><div class=\"portfolio-entry-categories entry-categories wpex-clr\"><a href=\"https:\/\/www.garciafaura.com\/es\/portfolio-category\/fachadas-destacado\/\" class=\"term-52\">Fachadas Destacado<\/a><\/div><\/div><\/div><\/div><div class=\"portfolio-entry vcex-grid-item entry-has-details span_1_of_3 col col-1 vcex-isotope-entry vcex-no-margin-entry post-28533 entry type-portfolio has-media cat-53 translation_priority-6\"><div class=\"portfolio-entry-inner entry-inner wpex-clr\"><div class=\"portfolio-entry-media entry-media wpex-clr\"><a href=\"https:\/\/www.garciafaura.com\/wp-content\/uploads\/2021\/10\/Sabatic-Sitges-Hotel-08.jpg\" title=\"Sab\u00e0tic Sitges Hotel\" class=\"portfolio-entry-media-link wpex-lightbox-gallery\" data-gallery=\"[{&quot;src&quot;:&quot;https:\\\/\\\/www.garciafaura.com\\\/wp-content\\\/uploads\\\/2021\\\/10\\\/Sabatic-Sitges-Hotel-08.jpg&quot;},{&quot;src&quot;:&quot;https:\\\/\\\/www.garciafaura.com\\\/wp-content\\\/uploads\\\/2021\\\/10\\\/Sabatic-Sitges-Hotel-06.jpg&quot;},{&quot;src&quot;:&quot;https:\\\/\\\/www.garciafaura.com\\\/wp-content\\\/uploads\\\/2021\\\/10\\\/Sabatic-Sitges-Hotel-01.jpg&quot;},{&quot;src&quot;:&quot;https:\\\/\\\/www.garciafaura.com\\\/wp-content\\\/uploads\\\/2021\\\/10\\\/Sabatic-Sitges-Hotel-27.jpg&quot;},{&quot;src&quot;:&quot;https:\\\/\\\/www.garciafaura.com\\\/wp-content\\\/uploads\\\/2021\\\/10\\\/Sabatic-Sitges-Hotel-26.jpg&quot;},{&quot;src&quot;:&quot;https:\\\/\\\/www.garciafaura.com\\\/wp-content\\\/uploads\\\/2021\\\/10\\\/Sabatic-Sitges-Hotel-25.jpg&quot;},{&quot;src&quot;:&quot;https:\\\/\\\/www.garciafaura.com\\\/wp-content\\\/uploads\\\/2021\\\/10\\\/Sabatic-Sitges-Hotel-24.jpg&quot;},{&quot;src&quot;:&quot;https:\\\/\\\/www.garciafaura.com\\\/wp-content\\\/uploads\\\/2021\\\/10\\\/Sabatic-Sitges-Hotel-23.jpg&quot;},{&quot;src&quot;:&quot;https:\\\/\\\/www.garciafaura.com\\\/wp-content\\\/uploads\\\/2021\\\/10\\\/Sabatic-Sitges-Hotel-22.jpg&quot;},{&quot;src&quot;:&quot;https:\\\/\\\/www.garciafaura.com\\\/wp-content\\\/uploads\\\/2021\\\/10\\\/Sabatic-Sitges-Hotel-21.jpg&quot;},{&quot;src&quot;:&quot;https:\\\/\\\/www.garciafaura.com\\\/wp-content\\\/uploads\\\/2021\\\/10\\\/Sabatic-Sitges-Hotel-20.jpg&quot;},{&quot;src&quot;:&quot;https:\\\/\\\/www.garciafaura.com\\\/wp-content\\\/uploads\\\/2021\\\/10\\\/Sabatic-Sitges-Hotel-19.jpg&quot;},{&quot;src&quot;:&quot;https:\\\/\\\/www.garciafaura.com\\\/wp-content\\\/uploads\\\/2021\\\/10\\\/Sabatic-Sitges-Hotel-18.jpg&quot;},{&quot;src&quot;:&quot;https:\\\/\\\/www.garciafaura.com\\\/wp-content\\\/uploads\\\/2021\\\/10\\\/Sabatic-Sitges-Hotel-17.jpg&quot;},{&quot;src&quot;:&quot;https:\\\/\\\/www.garciafaura.com\\\/wp-content\\\/uploads\\\/2021\\\/10\\\/Sabatic-Sitges-Hotel-16.jpg&quot;},{&quot;src&quot;:&quot;https:\\\/\\\/www.garciafaura.com\\\/wp-content\\\/uploads\\\/2021\\\/10\\\/Sabatic-Sitges-Hotel-15.jpg&quot;},{&quot;src&quot;:&quot;https:\\\/\\\/www.garciafaura.com\\\/wp-content\\\/uploads\\\/2021\\\/10\\\/Sabatic-Sitges-Hotel-14.jpg&quot;},{&quot;src&quot;:&quot;https:\\\/\\\/www.garciafaura.com\\\/wp-content\\\/uploads\\\/2021\\\/10\\\/Sabatic-Sitges-Hotel-13.jpg&quot;},{&quot;src&quot;:&quot;https:\\\/\\\/www.garciafaura.com\\\/wp-content\\\/uploads\\\/2021\\\/10\\\/Sabatic-Sitges-Hotel-12.jpg&quot;},{&quot;src&quot;:&quot;https:\\\/\\\/www.garciafaura.com\\\/wp-content\\\/uploads\\\/2021\\\/10\\\/Sabatic-Sitges-Hotel-11.jpg&quot;},{&quot;src&quot;:&quot;https:\\\/\\\/www.garciafaura.com\\\/wp-content\\\/uploads\\\/2021\\\/10\\\/Sabatic-Sitges-Hotel-10.jpg&quot;},{&quot;src&quot;:&quot;https:\\\/\\\/www.garciafaura.com\\\/wp-content\\\/uploads\\\/2021\\\/10\\\/Sabatic-Sitges-Hotel-09.jpg&quot;},{&quot;src&quot;:&quot;https:\\\/\\\/www.garciafaura.com\\\/wp-content\\\/uploads\\\/2021\\\/10\\\/Sabatic-Sitges-Hotel-07.jpg&quot;},{&quot;src&quot;:&quot;https:\\\/\\\/www.garciafaura.com\\\/wp-content\\\/uploads\\\/2021\\\/10\\\/Sabatic-Sitges-Hotel-05.jpg&quot;},{&quot;src&quot;:&quot;https:\\\/\\\/www.garciafaura.com\\\/wp-content\\\/uploads\\\/2021\\\/10\\\/Sabatic-Sitges-Hotel-04.jpg&quot;},{&quot;src&quot;:&quot;https:\\\/\\\/www.garciafaura.com\\\/wp-content\\\/uploads\\\/2021\\\/10\\\/Sabatic-Sitges-Hotel-03.jpg&quot;},{&quot;src&quot;:&quot;https:\\\/\\\/www.garciafaura.com\\\/wp-content\\\/uploads\\\/2021\\\/10\\\/Sabatic-Sitges-Hotel-02.jpg&quot;}]\"><img loading=\"lazy\" decoding=\"async\" data-no-lazy=\"1\" class=\"portfolio-entry-img skip-lazy\" src=\"https:\/\/www.garciafaura.com\/wp-content\/uploads\/2021\/10\/Sabatic-Sitges-Hotel-08-600x314.jpg\" alt='' data-no-retina width=\"600\" height=\"314\" \/><\/a><\/div><div class=\"portfolio-entry-details entry-details wpex-clr\"><h2 class=\"portfolio-entry-title entry-title\"><a href=\"https:\/\/www.garciafaura.com\/es\/portfolio-item\/aparthotel-sitges\/\" title=\"Sab\u00e0tic Sitges Hotel\">Sab\u00e0tic Sitges Hotel<\/a><\/h2><div class=\"portfolio-entry-categories entry-categories wpex-clr\"><a href=\"https:\/\/www.garciafaura.com\/es\/portfolio-category\/hoteles\/\" class=\"term-53\">Hoteles<\/a><\/div><\/div><\/div><\/div><div class=\"portfolio-entry vcex-grid-item entry-has-details span_1_of_3 col col-2 vcex-isotope-entry vcex-no-margin-entry post-28519 entry type-portfolio has-media cat-46 cat-47 cat-53 cat-54 translation_priority-6\"><div class=\"portfolio-entry-inner entry-inner wpex-clr\"><div class=\"portfolio-entry-media entry-media wpex-clr\"><a href=\"https:\/\/www.garciafaura.com\/wp-content\/uploads\/2021\/10\/Tembo-suites-Barcelona-51.jpg\" title=\"Apartamentos Tembo Suites\" class=\"portfolio-entry-media-link wpex-lightbox-gallery\" data-gallery=\"[{&quot;src&quot;:&quot;https:\\\/\\\/www.garciafaura.com\\\/wp-content\\\/uploads\\\/2021\\\/10\\\/Tembo-suites-Barcelona-51.jpg&quot;},{&quot;src&quot;:&quot;https:\\\/\\\/www.garciafaura.com\\\/wp-content\\\/uploads\\\/2021\\\/10\\\/Tembo-suites-Barcelona-50.jpg&quot;},{&quot;src&quot;:&quot;https:\\\/\\\/www.garciafaura.com\\\/wp-content\\\/uploads\\\/2021\\\/10\\\/Tembo-suites-Barcelona-49.jpg&quot;},{&quot;src&quot;:&quot;https:\\\/\\\/www.garciafaura.com\\\/wp-content\\\/uploads\\\/2021\\\/10\\\/Tembo-suites-Barcelona-48.jpg&quot;},{&quot;src&quot;:&quot;https:\\\/\\\/www.garciafaura.com\\\/wp-content\\\/uploads\\\/2021\\\/10\\\/Tembo-suites-Barcelona-47.jpg&quot;},{&quot;src&quot;:&quot;https:\\\/\\\/www.garciafaura.com\\\/wp-content\\\/uploads\\\/2021\\\/10\\\/Tembo-suites-Barcelona-46.jpg&quot;},{&quot;src&quot;:&quot;https:\\\/\\\/www.garciafaura.com\\\/wp-content\\\/uploads\\\/2021\\\/10\\\/Tembo-suites-Barcelona-45.jpg&quot;},{&quot;src&quot;:&quot;https:\\\/\\\/www.garciafaura.com\\\/wp-content\\\/uploads\\\/2021\\\/10\\\/Tembo-suites-Barcelona-44.jpg&quot;},{&quot;src&quot;:&quot;https:\\\/\\\/www.garciafaura.com\\\/wp-content\\\/uploads\\\/2021\\\/10\\\/Tembo-suites-Barcelona-43.jpg&quot;},{&quot;src&quot;:&quot;https:\\\/\\\/www.garciafaura.com\\\/wp-content\\\/uploads\\\/2021\\\/10\\\/Tembo-suites-Barcelona-42.jpg&quot;},{&quot;src&quot;:&quot;https:\\\/\\\/www.garciafaura.com\\\/wp-content\\\/uploads\\\/2021\\\/10\\\/Tembo-suites-Barcelona-41.jpg&quot;},{&quot;src&quot;:&quot;https:\\\/\\\/www.garciafaura.com\\\/wp-content\\\/uploads\\\/2021\\\/10\\\/Tembo-suites-Barcelona-40.jpg&quot;},{&quot;src&quot;:&quot;https:\\\/\\\/www.garciafaura.com\\\/wp-content\\\/uploads\\\/2021\\\/10\\\/Tembo-suites-Barcelona-39.jpg&quot;},{&quot;src&quot;:&quot;https:\\\/\\\/www.garciafaura.com\\\/wp-content\\\/uploads\\\/2021\\\/10\\\/Tembo-suites-Barcelona-38.jpg&quot;},{&quot;src&quot;:&quot;https:\\\/\\\/www.garciafaura.com\\\/wp-content\\\/uploads\\\/2021\\\/10\\\/Tembo-suites-Barcelona-37.jpg&quot;},{&quot;src&quot;:&quot;https:\\\/\\\/www.garciafaura.com\\\/wp-content\\\/uploads\\\/2021\\\/10\\\/Tembo-suites-Barcelona-36.jpg&quot;},{&quot;src&quot;:&quot;https:\\\/\\\/www.garciafaura.com\\\/wp-content\\\/uploads\\\/2021\\\/10\\\/Tembo-suites-Barcelona-35.jpg&quot;},{&quot;src&quot;:&quot;https:\\\/\\\/www.garciafaura.com\\\/wp-content\\\/uploads\\\/2021\\\/10\\\/Tembo-suites-Barcelona-34.jpg&quot;},{&quot;src&quot;:&quot;https:\\\/\\\/www.garciafaura.com\\\/wp-content\\\/uploads\\\/2021\\\/10\\\/Tembo-suites-Barcelona-33.jpg&quot;},{&quot;src&quot;:&quot;https:\\\/\\\/www.garciafaura.com\\\/wp-content\\\/uploads\\\/2021\\\/10\\\/Tembo-suites-Barcelona-32.jpg&quot;},{&quot;src&quot;:&quot;https:\\\/\\\/www.garciafaura.com\\\/wp-content\\\/uploads\\\/2021\\\/10\\\/Tembo-suites-Barcelona-31.jpg&quot;},{&quot;src&quot;:&quot;https:\\\/\\\/www.garciafaura.com\\\/wp-content\\\/uploads\\\/2021\\\/10\\\/Tembo-suites-Barcelona-30.jpg&quot;},{&quot;src&quot;:&quot;https:\\\/\\\/www.garciafaura.com\\\/wp-content\\\/uploads\\\/2021\\\/10\\\/Tembo-suites-Barcelona-29.jpg&quot;},{&quot;src&quot;:&quot;https:\\\/\\\/www.garciafaura.com\\\/wp-content\\\/uploads\\\/2021\\\/10\\\/Tembo-suites-Barcelona-28.jpg&quot;},{&quot;src&quot;:&quot;https:\\\/\\\/www.garciafaura.com\\\/wp-content\\\/uploads\\\/2021\\\/10\\\/Tembo-suites-Barcelona-27.jpg&quot;},{&quot;src&quot;:&quot;https:\\\/\\\/www.garciafaura.com\\\/wp-content\\\/uploads\\\/2021\\\/10\\\/Tembo-suites-Barcelona-26.jpg&quot;},{&quot;src&quot;:&quot;https:\\\/\\\/www.garciafaura.com\\\/wp-content\\\/uploads\\\/2021\\\/10\\\/Tembo-suites-Barcelona-25.jpg&quot;},{&quot;src&quot;:&quot;https:\\\/\\\/www.garciafaura.com\\\/wp-content\\\/uploads\\\/2021\\\/10\\\/Tembo-suites-Barcelona-24.jpg&quot;},{&quot;src&quot;:&quot;https:\\\/\\\/www.garciafaura.com\\\/wp-content\\\/uploads\\\/2021\\\/10\\\/Tembo-suites-Barcelona-23.jpg&quot;},{&quot;src&quot;:&quot;https:\\\/\\\/www.garciafaura.com\\\/wp-content\\\/uploads\\\/2021\\\/10\\\/Tembo-suites-Barcelona-22.jpg&quot;},{&quot;src&quot;:&quot;https:\\\/\\\/www.garciafaura.com\\\/wp-content\\\/uploads\\\/2021\\\/10\\\/Tembo-suites-Barcelona-21.jpg&quot;},{&quot;src&quot;:&quot;https:\\\/\\\/www.garciafaura.com\\\/wp-content\\\/uploads\\\/2021\\\/10\\\/Tembo-suites-Barcelona-20.jpg&quot;},{&quot;src&quot;:&quot;https:\\\/\\\/www.garciafaura.com\\\/wp-content\\\/uploads\\\/2021\\\/10\\\/Tembo-suites-Barcelona-19.jpg&quot;},{&quot;src&quot;:&quot;https:\\\/\\\/www.garciafaura.com\\\/wp-content\\\/uploads\\\/2021\\\/10\\\/Tembo-suites-Barcelona-18.jpg&quot;},{&quot;src&quot;:&quot;https:\\\/\\\/www.garciafaura.com\\\/wp-content\\\/uploads\\\/2021\\\/10\\\/Tembo-suites-Barcelona-17.jpg&quot;},{&quot;src&quot;:&quot;https:\\\/\\\/www.garciafaura.com\\\/wp-content\\\/uploads\\\/2021\\\/10\\\/Tembo-suites-Barcelona-16.jpg&quot;},{&quot;src&quot;:&quot;https:\\\/\\\/www.garciafaura.com\\\/wp-content\\\/uploads\\\/2021\\\/10\\\/Tembo-suites-Barcelona-15.jpg&quot;},{&quot;src&quot;:&quot;https:\\\/\\\/www.garciafaura.com\\\/wp-content\\\/uploads\\\/2021\\\/10\\\/Tembo-suites-Barcelona-14.jpg&quot;},{&quot;src&quot;:&quot;https:\\\/\\\/www.garciafaura.com\\\/wp-content\\\/uploads\\\/2021\\\/10\\\/Tembo-suites-Barcelona-13.jpg&quot;},{&quot;src&quot;:&quot;https:\\\/\\\/www.garciafaura.com\\\/wp-content\\\/uploads\\\/2021\\\/10\\\/Tembo-suites-Barcelona-12.jpg&quot;},{&quot;src&quot;:&quot;https:\\\/\\\/www.garciafaura.com\\\/wp-content\\\/uploads\\\/2021\\\/10\\\/Tembo-suites-Barcelona-11.jpg&quot;},{&quot;src&quot;:&quot;https:\\\/\\\/www.garciafaura.com\\\/wp-content\\\/uploads\\\/2021\\\/10\\\/Tembo-suites-Barcelona-10.jpg&quot;},{&quot;src&quot;:&quot;https:\\\/\\\/www.garciafaura.com\\\/wp-content\\\/uploads\\\/2021\\\/10\\\/Tembo-suites-Barcelona-09.jpg&quot;},{&quot;src&quot;:&quot;https:\\\/\\\/www.garciafaura.com\\\/wp-content\\\/uploads\\\/2021\\\/10\\\/Tembo-suites-Barcelona-08.jpg&quot;},{&quot;src&quot;:&quot;https:\\\/\\\/www.garciafaura.com\\\/wp-content\\\/uploads\\\/2021\\\/10\\\/Tembo-suites-Barcelona-07.jpg&quot;},{&quot;src&quot;:&quot;https:\\\/\\\/www.garciafaura.com\\\/wp-content\\\/uploads\\\/2021\\\/10\\\/Tembo-suites-Barcelona-06.jpg&quot;},{&quot;src&quot;:&quot;https:\\\/\\\/www.garciafaura.com\\\/wp-content\\\/uploads\\\/2021\\\/10\\\/Tembo-suites-Barcelona-05.jpg&quot;},{&quot;src&quot;:&quot;https:\\\/\\\/www.garciafaura.com\\\/wp-content\\\/uploads\\\/2021\\\/10\\\/Tembo-suites-Barcelona-04.jpg&quot;},{&quot;src&quot;:&quot;https:\\\/\\\/www.garciafaura.com\\\/wp-content\\\/uploads\\\/2021\\\/10\\\/Tembo-suites-Barcelona-03.jpg&quot;},{&quot;src&quot;:&quot;https:\\\/\\\/www.garciafaura.com\\\/wp-content\\\/uploads\\\/2021\\\/10\\\/Tembo-suites-Barcelona-02.jpg&quot;},{&quot;src&quot;:&quot;https:\\\/\\\/www.garciafaura.com\\\/wp-content\\\/uploads\\\/2021\\\/10\\\/Tembo-suites-Barcelona-01.jpg&quot;}]\"><img loading=\"lazy\" decoding=\"async\" data-no-lazy=\"1\" class=\"portfolio-entry-img skip-lazy\" src=\"https:\/\/www.garciafaura.com\/wp-content\/uploads\/2021\/10\/Tembo-suites-Barcelona-51-600x314.jpg\" alt='' data-no-retina width=\"600\" height=\"314\" \/><\/a><\/div><div class=\"portfolio-entry-details entry-details wpex-clr\"><h2 class=\"portfolio-entry-title entry-title\"><a href=\"https:\/\/www.garciafaura.com\/es\/portfolio-item\/apartaments-tembo-suites\/\" title=\"Apartamentos Tembo Suites\">Apartamentos Tembo Suites<\/a><\/h2><div class=\"portfolio-entry-categories entry-categories wpex-clr\"><a href=\"https:\/\/www.garciafaura.com\/es\/portfolio-category\/conjuntos-residenciales\/\" class=\"term-46\">Conjuntos residenciales<\/a><\/div><\/div><\/div><\/div><div class=\"portfolio-entry vcex-grid-item entry-has-details span_1_of_3 col col-3 vcex-isotope-entry vcex-no-margin-entry post-24827 entry type-portfolio has-media cat-53 cat-54 translation_priority-6\"><div class=\"portfolio-entry-inner entry-inner wpex-clr\"><div class=\"portfolio-entry-media entry-media wpex-clr\"><a href=\"https:\/\/www.garciafaura.com\/wp-content\/uploads\/2020\/01\/Hotel-SB-BCN-Events-01.jpg\" title=\"Hotel SB BCN Events\" class=\"portfolio-entry-media-link wpex-lightbox\"><img loading=\"lazy\" decoding=\"async\" data-no-lazy=\"1\" class=\"portfolio-entry-img skip-lazy\" src=\"https:\/\/www.garciafaura.com\/wp-content\/uploads\/2020\/01\/Hotel-SB-BCN-Events-01-600x314.jpg\" alt=\"Hotel SB BCN Events\" data-no-retina width=\"600\" height=\"314\" \/><\/a><\/div><div class=\"portfolio-entry-details entry-details wpex-clr\"><h2 class=\"portfolio-entry-title entry-title\"><a href=\"https:\/\/www.garciafaura.com\/es\/portfolio-item\/ampliacio-hotel-sb-bcn-events\/\" title=\"Hotel SB BCN Events\">Hotel SB BCN Events<\/a><\/h2><div class=\"portfolio-entry-categories entry-categories wpex-clr\"><a href=\"https:\/\/www.garciafaura.com\/es\/portfolio-category\/hoteles\/\" class=\"term-53\">Hoteles<\/a><\/div><\/div><\/div><\/div><div class=\"portfolio-entry vcex-grid-item entry-has-details span_1_of_3 col col-1 vcex-isotope-entry vcex-no-margin-entry post-22568 entry type-portfolio has-media cat-53 cat-58 translation_priority-6\"><div class=\"portfolio-entry-inner entry-inner wpex-clr\"><div class=\"portfolio-entry-media entry-media wpex-clr\"><a href=\"https:\/\/www.garciafaura.com\/wp-content\/uploads\/2019\/07\/Hotel-Imperial-Tarraco-20.jpg\" title=\"Reforma del Hotel Imperial Tarraco\" class=\"portfolio-entry-media-link wpex-lightbox-gallery\" data-gallery=\"[{&quot;src&quot;:&quot;https:\\\/\\\/www.garciafaura.com\\\/wp-content\\\/uploads\\\/2019\\\/07\\\/Hotel-Imperial-Tarraco-20.jpg&quot;},{&quot;src&quot;:&quot;https:\\\/\\\/www.garciafaura.com\\\/wp-content\\\/uploads\\\/2019\\\/07\\\/Hotel-Imperial-Tarraco-19.jpg&quot;},{&quot;src&quot;:&quot;https:\\\/\\\/www.garciafaura.com\\\/wp-content\\\/uploads\\\/2019\\\/07\\\/Hotel-Imperial-Tarraco-18.jpg&quot;},{&quot;src&quot;:&quot;https:\\\/\\\/www.garciafaura.com\\\/wp-content\\\/uploads\\\/2019\\\/07\\\/Hotel-Imperial-Tarraco-17.jpg&quot;},{&quot;src&quot;:&quot;https:\\\/\\\/www.garciafaura.com\\\/wp-content\\\/uploads\\\/2019\\\/07\\\/Hotel-Imperial-Tarraco-16.jpg&quot;},{&quot;src&quot;:&quot;https:\\\/\\\/www.garciafaura.com\\\/wp-content\\\/uploads\\\/2019\\\/07\\\/Hotel-Imperial-Tarraco-15.jpg&quot;},{&quot;src&quot;:&quot;https:\\\/\\\/www.garciafaura.com\\\/wp-content\\\/uploads\\\/2019\\\/07\\\/Hotel-Imperial-Tarraco-14.jpg&quot;},{&quot;src&quot;:&quot;https:\\\/\\\/www.garciafaura.com\\\/wp-content\\\/uploads\\\/2019\\\/07\\\/Hotel-Imperial-Tarraco-13.jpg&quot;},{&quot;src&quot;:&quot;https:\\\/\\\/www.garciafaura.com\\\/wp-content\\\/uploads\\\/2019\\\/07\\\/Hotel-Imperial-Tarraco-12.jpg&quot;},{&quot;src&quot;:&quot;https:\\\/\\\/www.garciafaura.com\\\/wp-content\\\/uploads\\\/2019\\\/07\\\/Hotel-Imperial-Tarraco-11.jpg&quot;},{&quot;src&quot;:&quot;https:\\\/\\\/www.garciafaura.com\\\/wp-content\\\/uploads\\\/2019\\\/07\\\/Hotel-Imperial-Tarraco-10.jpg&quot;},{&quot;src&quot;:&quot;https:\\\/\\\/www.garciafaura.com\\\/wp-content\\\/uploads\\\/2019\\\/07\\\/Hotel-Imperial-Tarraco-09.jpg&quot;},{&quot;src&quot;:&quot;https:\\\/\\\/www.garciafaura.com\\\/wp-content\\\/uploads\\\/2019\\\/07\\\/Hotel-Imperial-Tarraco-08.jpg&quot;},{&quot;src&quot;:&quot;https:\\\/\\\/www.garciafaura.com\\\/wp-content\\\/uploads\\\/2019\\\/07\\\/Hotel-Imperial-Tarraco-07.jpg&quot;},{&quot;src&quot;:&quot;https:\\\/\\\/www.garciafaura.com\\\/wp-content\\\/uploads\\\/2019\\\/07\\\/Hotel-Imperial-Tarraco-06.jpg&quot;},{&quot;src&quot;:&quot;https:\\\/\\\/www.garciafaura.com\\\/wp-content\\\/uploads\\\/2019\\\/07\\\/Hotel-Imperial-Tarraco-05.jpg&quot;},{&quot;src&quot;:&quot;https:\\\/\\\/www.garciafaura.com\\\/wp-content\\\/uploads\\\/2019\\\/07\\\/Hotel-Imperial-Tarraco-21.jpg&quot;},{&quot;src&quot;:&quot;https:\\\/\\\/www.garciafaura.com\\\/wp-content\\\/uploads\\\/2019\\\/07\\\/Hotel-Imperial-Tarraco-04.jpg&quot;},{&quot;src&quot;:&quot;https:\\\/\\\/www.garciafaura.com\\\/wp-content\\\/uploads\\\/2019\\\/07\\\/Hotel-Imperial-Tarraco-03.jpg&quot;},{&quot;src&quot;:&quot;https:\\\/\\\/www.garciafaura.com\\\/wp-content\\\/uploads\\\/2019\\\/07\\\/Hotel-Imperial-Tarraco-02.jpg&quot;},{&quot;src&quot;:&quot;https:\\\/\\\/www.garciafaura.com\\\/wp-content\\\/uploads\\\/2019\\\/07\\\/Hotel-Imperial-Tarraco-01.jpg&quot;}]\"><img loading=\"lazy\" decoding=\"async\" data-no-lazy=\"1\" class=\"portfolio-entry-img skip-lazy\" src=\"https:\/\/www.garciafaura.com\/wp-content\/uploads\/2019\/07\/Hotel-Imperial-Tarraco-20-600x314.jpg\" alt='' data-no-retina width=\"600\" height=\"314\" \/><\/a><\/div><div class=\"portfolio-entry-details entry-details wpex-clr\"><h2 class=\"portfolio-entry-title entry-title\"><a href=\"https:\/\/www.garciafaura.com\/es\/portfolio-item\/reforma-del-hotel-imperial-tarraco\/\" title=\"Reforma del Hotel Imperial Tarraco\">Reforma del Hotel Imperial Tarraco<\/a><\/h2><div class=\"portfolio-entry-categories entry-categories wpex-clr\"><a href=\"https:\/\/www.garciafaura.com\/es\/portfolio-category\/hoteles\/\" class=\"term-53\">Hoteles<\/a><\/div><\/div><\/div><\/div><div class=\"portfolio-entry vcex-grid-item entry-has-details span_1_of_3 col col-2 vcex-isotope-entry vcex-no-margin-entry post-19086 entry type-portfolio has-media cat-51 cat-52 cat-53 cat-54 cat-55 cat-56 translation_priority-6\"><div class=\"portfolio-entry-inner entry-inner wpex-clr\"><div class=\"portfolio-entry-media entry-media wpex-clr\"><a href=\"https:\/\/www.garciafaura.com\/wp-content\/uploads\/2019\/04\/HiltonCorferias3.jpg\" title=\"Hotel Hilton Corferias\" class=\"portfolio-entry-media-link wpex-lightbox-gallery\" data-gallery=\"[{&quot;src&quot;:&quot;https:\\\/\\\/www.garciafaura.com\\\/wp-content\\\/uploads\\\/2019\\\/04\\\/HiltonCorferias8.jpg&quot;,&quot;title&quot;:&quot;Trabajos en el nuevo Hotel Hilton de Bogot\\u00e1, Colombia&quot;},{&quot;src&quot;:&quot;https:\\\/\\\/www.garciafaura.com\\\/wp-content\\\/uploads\\\/2019\\\/04\\\/HiltonCorferias7.jpg&quot;,&quot;title&quot;:&quot;Trabajos en el nuevo Hotel Hilton de Bogot\\u00e1, Colombia&quot;},{&quot;src&quot;:&quot;https:\\\/\\\/www.garciafaura.com\\\/wp-content\\\/uploads\\\/2019\\\/04\\\/HiltonCorferias6.jpg&quot;,&quot;title&quot;:&quot;Trabajos en el nuevo Hotel Hilton de Bogot\\u00e1, Colombia&quot;},{&quot;src&quot;:&quot;https:\\\/\\\/www.garciafaura.com\\\/wp-content\\\/uploads\\\/2019\\\/04\\\/HiltonCorferias5.jpg&quot;,&quot;title&quot;:&quot;Trabajos en el nuevo Hotel Hilton de Bogot\\u00e1, Colombia&quot;},{&quot;src&quot;:&quot;https:\\\/\\\/www.garciafaura.com\\\/wp-content\\\/uploads\\\/2019\\\/04\\\/HiltonCorferias4.jpg&quot;,&quot;title&quot;:&quot;Trabajos en el nuevo Hotel Hilton de Bogot\\u00e1, Colombia&quot;},{&quot;src&quot;:&quot;https:\\\/\\\/www.garciafaura.com\\\/wp-content\\\/uploads\\\/2019\\\/04\\\/HiltonCorferias3.jpg&quot;,&quot;title&quot;:&quot;Trabajos en el nuevo Hotel Hilton de Bogot\\u00e1, Colombia&quot;},{&quot;src&quot;:&quot;https:\\\/\\\/www.garciafaura.com\\\/wp-content\\\/uploads\\\/2019\\\/04\\\/HiltonCorferias2.jpg&quot;,&quot;title&quot;:&quot;Trabajos en el nuevo Hotel Hilton de Bogot\\u00e1, Colombia&quot;},{&quot;src&quot;:&quot;https:\\\/\\\/www.garciafaura.com\\\/wp-content\\\/uploads\\\/2019\\\/04\\\/HiltonCorferias1.jpg&quot;,&quot;title&quot;:&quot;Trabajos en el nuevo Hotel Hilton de Bogot\\u00e1, Colombia&quot;}]\"><img loading=\"lazy\" decoding=\"async\" data-no-lazy=\"1\" class=\"portfolio-entry-img skip-lazy\" src=\"https:\/\/www.garciafaura.com\/wp-content\/uploads\/2019\/04\/HiltonCorferias3-600x314.jpg\" alt=\"Trabajos En El Nuevo Hotel Hilton De Bogot\u00e1, Colombia\" data-no-retina width=\"600\" height=\"314\" \/><\/a><\/div><div class=\"portfolio-entry-details entry-details wpex-clr\"><h2 class=\"portfolio-entry-title entry-title\"><a href=\"https:\/\/www.garciafaura.com\/es\/portfolio-item\/hotel-hilton-corferias\/\" title=\"Hotel Hilton Corferias\">Hotel Hilton Corferias<\/a><\/h2><div class=\"portfolio-entry-categories entry-categories wpex-clr\"><a href=\"https:\/\/www.garciafaura.com\/es\/portfolio-category\/fachadas\/\" class=\"term-51\">Fachadas<\/a><\/div><\/div><\/div><\/div><div class=\"portfolio-entry vcex-grid-item entry-has-details span_1_of_3 col col-3 vcex-isotope-entry vcex-no-margin-entry post-19746 entry type-portfolio has-media cat-53 cat-54 cat-118 cat-119 cat-58 cat-59 translation_priority-6\"><div class=\"portfolio-entry-inner entry-inner wpex-clr\"><div class=\"portfolio-entry-media entry-media wpex-clr\"><a href=\"https:\/\/www.garciafaura.com\/wp-content\/uploads\/2019\/04\/Hotel-Barcelo\u0301-Occidental-Diagonal-414-01.jpg\" title=\"Hotel Barcel\u00f3 Occidental Diagonal 414\" class=\"portfolio-entry-media-link wpex-lightbox-gallery\" data-gallery=\"[{&quot;src&quot;:&quot;https:\\\/\\\/www.garciafaura.com\\\/wp-content\\\/uploads\\\/2019\\\/04\\\/Hotel-Barcelo\\u0301-Occidental-Diagonal-414-01.jpg&quot;},{&quot;src&quot;:&quot;https:\\\/\\\/www.garciafaura.com\\\/wp-content\\\/uploads\\\/2019\\\/04\\\/Hotel-Barcelo\\u0301-Occidental-Diagonal-414-17.jpg&quot;},{&quot;src&quot;:&quot;https:\\\/\\\/www.garciafaura.com\\\/wp-content\\\/uploads\\\/2019\\\/04\\\/Hotel-Barcelo\\u0301-Occidental-Diagonal-414-16.jpg&quot;},{&quot;src&quot;:&quot;https:\\\/\\\/www.garciafaura.com\\\/wp-content\\\/uploads\\\/2019\\\/04\\\/Hotel-Barcelo\\u0301-Occidental-Diagonal-414-15.jpg&quot;},{&quot;src&quot;:&quot;https:\\\/\\\/www.garciafaura.com\\\/wp-content\\\/uploads\\\/2019\\\/04\\\/Hotel-Barcelo\\u0301-Occidental-Diagonal-414-14.jpg&quot;},{&quot;src&quot;:&quot;https:\\\/\\\/www.garciafaura.com\\\/wp-content\\\/uploads\\\/2019\\\/04\\\/Hotel-Barcelo\\u0301-Occidental-Diagonal-414-13.jpg&quot;},{&quot;src&quot;:&quot;https:\\\/\\\/www.garciafaura.com\\\/wp-content\\\/uploads\\\/2019\\\/04\\\/Hotel-Barcelo\\u0301-Occidental-Diagonal-414-12.jpg&quot;},{&quot;src&quot;:&quot;https:\\\/\\\/www.garciafaura.com\\\/wp-content\\\/uploads\\\/2019\\\/04\\\/Hotel-Barcelo\\u0301-Occidental-Diagonal-414-11.jpg&quot;},{&quot;src&quot;:&quot;https:\\\/\\\/www.garciafaura.com\\\/wp-content\\\/uploads\\\/2019\\\/04\\\/Hotel-Barcelo\\u0301-Occidental-Diagonal-414-10.jpg&quot;},{&quot;src&quot;:&quot;https:\\\/\\\/www.garciafaura.com\\\/wp-content\\\/uploads\\\/2019\\\/04\\\/Hotel-Barcelo\\u0301-Occidental-Diagonal-414-03.jpg&quot;},{&quot;src&quot;:&quot;https:\\\/\\\/www.garciafaura.com\\\/wp-content\\\/uploads\\\/2019\\\/04\\\/Hotel-Barcelo\\u0301-Occidental-Diagonal-414-02.jpg&quot;},{&quot;src&quot;:&quot;https:\\\/\\\/www.garciafaura.com\\\/wp-content\\\/uploads\\\/2019\\\/06\\\/Hotel-Barcelo\\u0301-Occidental-Diagonal-414-09.jpg&quot;},{&quot;src&quot;:&quot;https:\\\/\\\/www.garciafaura.com\\\/wp-content\\\/uploads\\\/2019\\\/06\\\/Hotel-Barcelo\\u0301-Occidental-Diagonal-414-08.jpg&quot;},{&quot;src&quot;:&quot;https:\\\/\\\/www.garciafaura.com\\\/wp-content\\\/uploads\\\/2019\\\/06\\\/Hotel-Barcelo\\u0301-Occidental-Diagonal-414-07.jpg&quot;},{&quot;src&quot;:&quot;https:\\\/\\\/www.garciafaura.com\\\/wp-content\\\/uploads\\\/2019\\\/06\\\/Hotel-Barcelo\\u0301-Occidental-Diagonal-414-06.jpg&quot;},{&quot;src&quot;:&quot;https:\\\/\\\/www.garciafaura.com\\\/wp-content\\\/uploads\\\/2019\\\/06\\\/Hotel-Barcelo\\u0301-Occidental-Diagonal-414-05.jpg&quot;,&quot;caption&quot;:&quot;123&quot;},{&quot;src&quot;:&quot;https:\\\/\\\/www.garciafaura.com\\\/wp-content\\\/uploads\\\/2019\\\/06\\\/Hotel-Barcelo\\u0301-Occidental-Diagonal-414-04.jpg&quot;}]\"><img loading=\"lazy\" decoding=\"async\" data-no-lazy=\"1\" class=\"portfolio-entry-img skip-lazy\" src=\"https:\/\/www.garciafaura.com\/wp-content\/uploads\/2019\/04\/Hotel-Barcelo\u0301-Occidental-Diagonal-414-01-600x314.jpg\" alt='' data-no-retina width=\"600\" height=\"314\" \/><\/a><\/div><div class=\"portfolio-entry-details entry-details wpex-clr\"><h2 class=\"portfolio-entry-title entry-title\"><a href=\"https:\/\/www.garciafaura.com\/es\/portfolio-item\/hotel-barcelo-diagonal-414\/\" title=\"Hotel Barcel\u00f3 Occidental Diagonal 414\">Hotel Barcel\u00f3 Occidental Diagonal 414<\/a><\/h2><div class=\"portfolio-entry-categories entry-categories wpex-clr\"><a href=\"https:\/\/www.garciafaura.com\/es\/portfolio-category\/hoteles-destacado\/\" class=\"term-54\">Hoteles Destacado<\/a><\/div><\/div><\/div><\/div><div class=\"portfolio-entry vcex-grid-item entry-has-details span_1_of_3 col col-1 vcex-isotope-entry vcex-no-margin-entry post-19342 entry type-portfolio has-media cat-51 cat-53 cat-118 cat-119 cat-58 cat-59 translation_priority-6\"><div class=\"portfolio-entry-inner entry-inner wpex-clr\"><div class=\"portfolio-entry-media entry-media wpex-clr\"><a href=\"https:\/\/www.garciafaura.com\/wp-content\/uploads\/2019\/04\/MTP02599.jpg\" title=\"Rehabilitaci\u00f3n Hotel Nobu Torre Catalunya\" class=\"portfolio-entry-media-link wpex-lightbox-gallery\" data-gallery=\"[{&quot;src&quot;:&quot;https:\\\/\\\/www.garciafaura.com\\\/wp-content\\\/uploads\\\/2019\\\/04\\\/MTP02599.jpg&quot;,&quot;title&quot;:&quot;Nobu Barcelona Garcia Faura&quot;},{&quot;src&quot;:&quot;https:\\\/\\\/www.garciafaura.com\\\/wp-content\\\/uploads\\\/2019\\\/04\\\/MTP02650.jpg&quot;,&quot;title&quot;:&quot;Nobu Barcelona Garcia Faura&quot;},{&quot;src&quot;:&quot;https:\\\/\\\/www.garciafaura.com\\\/wp-content\\\/uploads\\\/2019\\\/04\\\/MTP02645.jpg&quot;,&quot;title&quot;:&quot;Nobu Barcelona Garcia Faura&quot;},{&quot;src&quot;:&quot;https:\\\/\\\/www.garciafaura.com\\\/wp-content\\\/uploads\\\/2019\\\/04\\\/MTP02644.jpg&quot;,&quot;title&quot;:&quot;Nobu Barcelona Garcia Faura&quot;},{&quot;src&quot;:&quot;https:\\\/\\\/www.garciafaura.com\\\/wp-content\\\/uploads\\\/2019\\\/04\\\/MTP02641.jpg&quot;,&quot;title&quot;:&quot;Nobu Barcelona Garcia Faura&quot;},{&quot;src&quot;:&quot;https:\\\/\\\/www.garciafaura.com\\\/wp-content\\\/uploads\\\/2019\\\/04\\\/MTP02636.jpg&quot;,&quot;title&quot;:&quot;Nobu Barcelona Garcia Faura&quot;},{&quot;src&quot;:&quot;https:\\\/\\\/www.garciafaura.com\\\/wp-content\\\/uploads\\\/2019\\\/04\\\/MTP02634.jpg&quot;,&quot;title&quot;:&quot;Nobu Barcelona Garcia Faura&quot;},{&quot;src&quot;:&quot;https:\\\/\\\/www.garciafaura.com\\\/wp-content\\\/uploads\\\/2019\\\/04\\\/MTP02628.jpg&quot;,&quot;title&quot;:&quot;Nobu Barcelona Garcia Faura&quot;},{&quot;src&quot;:&quot;https:\\\/\\\/www.garciafaura.com\\\/wp-content\\\/uploads\\\/2019\\\/04\\\/MTP02615.jpg&quot;,&quot;title&quot;:&quot;Nobu Barcelona Garcia Faura&quot;},{&quot;src&quot;:&quot;https:\\\/\\\/www.garciafaura.com\\\/wp-content\\\/uploads\\\/2019\\\/04\\\/MTP02612.jpg&quot;,&quot;title&quot;:&quot;Nobu Barcelona Garcia Faura&quot;},{&quot;src&quot;:&quot;https:\\\/\\\/www.garciafaura.com\\\/wp-content\\\/uploads\\\/2019\\\/04\\\/MTP02602.jpg&quot;,&quot;title&quot;:&quot;Nobu Barcelona Garcia Faura&quot;},{&quot;src&quot;:&quot;https:\\\/\\\/www.garciafaura.com\\\/wp-content\\\/uploads\\\/2019\\\/04\\\/MTP02598.jpg&quot;,&quot;title&quot;:&quot;Nobu Barcelona Garcia Faura&quot;},{&quot;src&quot;:&quot;https:\\\/\\\/www.garciafaura.com\\\/wp-content\\\/uploads\\\/2019\\\/04\\\/MTP02593.jpg&quot;,&quot;title&quot;:&quot;Nobu Barcelona Garcia Faura&quot;},{&quot;src&quot;:&quot;https:\\\/\\\/www.garciafaura.com\\\/wp-content\\\/uploads\\\/2019\\\/04\\\/MTP02589.jpg&quot;,&quot;title&quot;:&quot;Nobu Barcelona Garcia Faura&quot;},{&quot;src&quot;:&quot;https:\\\/\\\/www.garciafaura.com\\\/wp-content\\\/uploads\\\/2019\\\/04\\\/MTP02587.jpg&quot;,&quot;title&quot;:&quot;Nobu Barcelona Garcia Faura&quot;},{&quot;src&quot;:&quot;https:\\\/\\\/www.garciafaura.com\\\/wp-content\\\/uploads\\\/2019\\\/04\\\/MTP02526.jpg&quot;,&quot;title&quot;:&quot;Nobu Barcelona Garcia Faura&quot;},{&quot;src&quot;:&quot;https:\\\/\\\/www.garciafaura.com\\\/wp-content\\\/uploads\\\/2019\\\/04\\\/IMG_6290.jpg&quot;,&quot;title&quot;:&quot;Nobu Barcelona Garcia Faura&quot;},{&quot;src&quot;:&quot;https:\\\/\\\/www.garciafaura.com\\\/wp-content\\\/uploads\\\/2019\\\/04\\\/IMG_6286.jpg&quot;,&quot;title&quot;:&quot;Nobu Barcelona Garcia Faura&quot;},{&quot;src&quot;:&quot;https:\\\/\\\/www.garciafaura.com\\\/wp-content\\\/uploads\\\/2019\\\/04\\\/IMG_6283.jpg&quot;,&quot;title&quot;:&quot;Nobu Barcelona Garcia Faura&quot;},{&quot;src&quot;:&quot;https:\\\/\\\/www.garciafaura.com\\\/wp-content\\\/uploads\\\/2019\\\/04\\\/IMG_6282.jpg&quot;,&quot;title&quot;:&quot;Nobu Barcelona Garcia Faura&quot;}]\"><img loading=\"lazy\" decoding=\"async\" data-no-lazy=\"1\" class=\"portfolio-entry-img skip-lazy\" src=\"https:\/\/www.garciafaura.com\/wp-content\/uploads\/2019\/04\/MTP02599-600x314.jpg\" alt=\"Nobu Barcelona Garcia Faura\" data-no-retina width=\"600\" height=\"314\" \/><\/a><\/div><div class=\"portfolio-entry-details entry-details wpex-clr\"><h2 class=\"portfolio-entry-title entry-title\"><a href=\"https:\/\/www.garciafaura.com\/es\/portfolio-item\/renovacion-gran-hotel-torre-catalunya\/\" title=\"Rehabilitaci\u00f3n Hotel Nobu Torre Catalunya\">Rehabilitaci\u00f3n Hotel Nobu Torre Catalunya<\/a><\/h2><div class=\"portfolio-entry-categories entry-categories wpex-clr\"><a href=\"https:\/\/www.garciafaura.com\/es\/portfolio-category\/rehabilitacion\/\" class=\"term-58\">Rehabilitaci\u00f3n<\/a><\/div><\/div><\/div><\/div><div class=\"portfolio-entry vcex-grid-item entry-has-details span_1_of_3 col col-2 vcex-isotope-entry vcex-no-margin-entry post-18483 entry type-portfolio has-media cat-51 cat-53 cat-54 translation_priority-6\"><div class=\"portfolio-entry-inner entry-inner wpex-clr\"><div class=\"portfolio-entry-media entry-media wpex-clr\"><a href=\"https:\/\/www.garciafaura.com\/wp-content\/uploads\/2019\/01\/IMG_9107.jpg\" title=\"EasyHotel l&#8217;Hospitalet de Llobregat\" class=\"portfolio-entry-media-link wpex-lightbox-gallery\" data-gallery=\"[{&quot;src&quot;:&quot;https:\\\/\\\/www.garciafaura.com\\\/wp-content\\\/uploads\\\/2019\\\/01\\\/IMG_9092.jpg&quot;,&quot;title&quot;:&quot;Trabajos de fachada y cerramientos del primer EasyHotel de Espa\\u00f1a&quot;,&quot;caption&quot;:&quot;Treballs de fa\\u00e7ana i tancaments del primer EasyHotel a l&#039;Estat espanyol.&quot;},{&quot;src&quot;:&quot;https:\\\/\\\/www.garciafaura.com\\\/wp-content\\\/uploads\\\/2019\\\/01\\\/IMG_9114.jpg&quot;,&quot;title&quot;:&quot;Trabajos de fachada y cerramientos del primer EasyHotel de Espa\\u00f1a&quot;},{&quot;src&quot;:&quot;https:\\\/\\\/www.garciafaura.com\\\/wp-content\\\/uploads\\\/2019\\\/01\\\/IMG_9111.jpg&quot;,&quot;title&quot;:&quot;Trabajos de fachada y cerramientos del primer EasyHotel de Espa\\u00f1a&quot;},{&quot;src&quot;:&quot;https:\\\/\\\/www.garciafaura.com\\\/wp-content\\\/uploads\\\/2019\\\/01\\\/IMG_9109.jpg&quot;,&quot;title&quot;:&quot;Trabajos de fachada y cerramientos del primer EasyHotel de Espa\\u00f1a&quot;},{&quot;src&quot;:&quot;https:\\\/\\\/www.garciafaura.com\\\/wp-content\\\/uploads\\\/2019\\\/01\\\/IMG_9107.jpg&quot;,&quot;title&quot;:&quot;Trabajos de fachada y cerramientos del primer EasyHotel de Espa\\u00f1a&quot;},{&quot;src&quot;:&quot;https:\\\/\\\/www.garciafaura.com\\\/wp-content\\\/uploads\\\/2019\\\/01\\\/IMG_9102.jpg&quot;,&quot;title&quot;:&quot;Trabajos de fachada y cerramientos del primer EasyHotel de Espa\\u00f1a&quot;},{&quot;src&quot;:&quot;https:\\\/\\\/www.garciafaura.com\\\/wp-content\\\/uploads\\\/2019\\\/01\\\/IMG_9099.jpg&quot;,&quot;title&quot;:&quot;Trabajos de fachada y cerramientos del primer EasyHotel de Espa\\u00f1a&quot;},{&quot;src&quot;:&quot;https:\\\/\\\/www.garciafaura.com\\\/wp-content\\\/uploads\\\/2019\\\/01\\\/IMG_9097.jpg&quot;,&quot;title&quot;:&quot;Trabajos de fachada y cerramientos del primer EasyHotel de Espa\\u00f1a&quot;},{&quot;src&quot;:&quot;https:\\\/\\\/www.garciafaura.com\\\/wp-content\\\/uploads\\\/2019\\\/01\\\/IMG_9096.jpg&quot;,&quot;title&quot;:&quot;Trabajos de fachada y cerramientos del primer EasyHotel de Espa\\u00f1a&quot;},{&quot;src&quot;:&quot;https:\\\/\\\/www.garciafaura.com\\\/wp-content\\\/uploads\\\/2019\\\/01\\\/IMG_9095.jpg&quot;,&quot;title&quot;:&quot;Trabajos de fachada y cerramientos del primer EasyHotel de Espa\\u00f1a&quot;}]\"><img loading=\"lazy\" decoding=\"async\" data-no-lazy=\"1\" class=\"portfolio-entry-img skip-lazy\" src=\"https:\/\/www.garciafaura.com\/wp-content\/uploads\/2019\/01\/IMG_9107-600x314.jpg\" alt=\"Trabajos De Fachada Y Cerramientos Del Primer EasyHotel De Espa\u00f1a\" data-no-retina width=\"600\" height=\"314\" \/><\/a><\/div><div class=\"portfolio-entry-details entry-details wpex-clr\"><h2 class=\"portfolio-entry-title entry-title\"><a href=\"https:\/\/www.garciafaura.com\/es\/portfolio-item\/easyhotel-lhospitalet-de-llobregat\/\" title=\"EasyHotel l&#8217;Hospitalet de Llobregat\">EasyHotel l&#8217;Hospitalet de Llobregat<\/a><\/h2><div class=\"portfolio-entry-categories entry-categories wpex-clr\"><a href=\"https:\/\/www.garciafaura.com\/es\/portfolio-category\/fachadas\/\" class=\"term-51\">Fachadas<\/a><\/div><\/div><\/div><\/div><div class=\"portfolio-entry vcex-grid-item entry-has-details span_1_of_3 col col-3 vcex-isotope-entry vcex-no-margin-entry post-18438 entry type-portfolio has-media cat-53 cat-54 cat-118 cat-119 cat-58 translation_priority-6\"><div class=\"portfolio-entry-inner entry-inner wpex-clr\"><div class=\"portfolio-entry-media entry-media wpex-clr\"><a href=\"https:\/\/www.garciafaura.com\/wp-content\/uploads\/2018\/12\/Hotel-Terramar-Sitges-01.jpg\" title=\"Hotel Terramar Sitges\" class=\"portfolio-entry-media-link wpex-lightbox-gallery\" data-gallery=\"[{&quot;src&quot;:&quot;https:\\\/\\\/www.garciafaura.com\\\/wp-content\\\/uploads\\\/2018\\\/12\\\/Hotel-Terramar-Sitges-01.jpg&quot;,&quot;title&quot;:&quot;Cerramientos para rehabilitaci\\u00f3n de hotel en Sitges&quot;},{&quot;src&quot;:&quot;https:\\\/\\\/www.garciafaura.com\\\/wp-content\\\/uploads\\\/2018\\\/12\\\/Hotel-Terramar-Sitges-14.jpg&quot;,&quot;title&quot;:&quot;Cerramientos para rehabilitaci\\u00f3n de hotel en Sitges&quot;},{&quot;src&quot;:&quot;https:\\\/\\\/www.garciafaura.com\\\/wp-content\\\/uploads\\\/2018\\\/12\\\/Hotel-Terramar-Sitges-13.jpg&quot;,&quot;title&quot;:&quot;Cerramientos para rehabilitaci\\u00f3n de hotel en Sitges&quot;},{&quot;src&quot;:&quot;https:\\\/\\\/www.garciafaura.com\\\/wp-content\\\/uploads\\\/2018\\\/12\\\/Hotel-Terramar-Sitges-12.jpg&quot;,&quot;title&quot;:&quot;Cerramientos para rehabilitaci\\u00f3n de hotel en Sitges&quot;},{&quot;src&quot;:&quot;https:\\\/\\\/www.garciafaura.com\\\/wp-content\\\/uploads\\\/2018\\\/12\\\/Hotel-Terramar-Sitges-11.jpg&quot;,&quot;title&quot;:&quot;Cerramientos para rehabilitaci\\u00f3n de hotel en Sitges&quot;},{&quot;src&quot;:&quot;https:\\\/\\\/www.garciafaura.com\\\/wp-content\\\/uploads\\\/2018\\\/12\\\/Hotel-Terramar-Sitges-10.jpg&quot;,&quot;title&quot;:&quot;Cerramientos para rehabilitaci\\u00f3n de hotel en Sitges&quot;},{&quot;src&quot;:&quot;https:\\\/\\\/www.garciafaura.com\\\/wp-content\\\/uploads\\\/2018\\\/12\\\/Hotel-Terramar-Sitges-09.jpg&quot;,&quot;title&quot;:&quot;Cerramientos para rehabilitaci\\u00f3n de hotel en Sitges&quot;},{&quot;src&quot;:&quot;https:\\\/\\\/www.garciafaura.com\\\/wp-content\\\/uploads\\\/2018\\\/12\\\/Hotel-Terramar-Sitges-08.jpg&quot;,&quot;title&quot;:&quot;Cerramientos para rehabilitaci\\u00f3n de hotel en Sitges&quot;},{&quot;src&quot;:&quot;https:\\\/\\\/www.garciafaura.com\\\/wp-content\\\/uploads\\\/2018\\\/12\\\/Hotel-Terramar-Sitges-07.jpg&quot;,&quot;title&quot;:&quot;Cerramientos para rehabilitaci\\u00f3n de hotel en Sitges&quot;},{&quot;src&quot;:&quot;https:\\\/\\\/www.garciafaura.com\\\/wp-content\\\/uploads\\\/2018\\\/12\\\/Hotel-Terramar-Sitges-06.jpg&quot;,&quot;title&quot;:&quot;Cerramientos para rehabilitaci\\u00f3n de hotel en Sitges&quot;},{&quot;src&quot;:&quot;https:\\\/\\\/www.garciafaura.com\\\/wp-content\\\/uploads\\\/2018\\\/12\\\/Hotel-Terramar-Sitges-05.jpg&quot;,&quot;title&quot;:&quot;Cerramientos para rehabilitaci\\u00f3n de hotel en Sitges&quot;},{&quot;src&quot;:&quot;https:\\\/\\\/www.garciafaura.com\\\/wp-content\\\/uploads\\\/2018\\\/12\\\/Hotel-Terramar-Sitges-04.jpg&quot;,&quot;title&quot;:&quot;Cerramientos para rehabilitaci\\u00f3n de hotel en Sitges&quot;},{&quot;src&quot;:&quot;https:\\\/\\\/www.garciafaura.com\\\/wp-content\\\/uploads\\\/2018\\\/12\\\/Hotel-Terramar-Sitges-03.jpg&quot;,&quot;title&quot;:&quot;Cerramientos para rehabilitaci\\u00f3n de hotel en Sitges&quot;},{&quot;src&quot;:&quot;https:\\\/\\\/www.garciafaura.com\\\/wp-content\\\/uploads\\\/2018\\\/12\\\/Hotel-Terramar-Sitges-02.jpg&quot;,&quot;title&quot;:&quot;Cerramientos para rehabilitaci\\u00f3n de hotel en Sitges&quot;}]\"><img loading=\"lazy\" decoding=\"async\" data-no-lazy=\"1\" class=\"portfolio-entry-img skip-lazy\" src=\"https:\/\/www.garciafaura.com\/wp-content\/uploads\/2018\/12\/Hotel-Terramar-Sitges-01-600x314.jpg\" alt=\"Cerramientos Para Rehabilitaci\u00f3n De Hotel En Sitges\" data-no-retina width=\"600\" height=\"314\" \/><\/a><\/div><div class=\"portfolio-entry-details entry-details wpex-clr\"><h2 class=\"portfolio-entry-title entry-title\"><a href=\"https:\/\/www.garciafaura.com\/es\/portfolio-item\/hotel-terramar-sitges\/\" title=\"Hotel Terramar Sitges\">Hotel Terramar Sitges<\/a><\/h2><div class=\"portfolio-entry-categories entry-categories wpex-clr\"><a href=\"https:\/\/www.garciafaura.com\/es\/portfolio-category\/hoteles\/\" class=\"term-53\">Hoteles<\/a><\/div><\/div><\/div><\/div><div class=\"portfolio-entry vcex-grid-item entry-has-details span_1_of_3 col col-1 vcex-isotope-entry vcex-no-margin-entry post-18435 entry type-portfolio has-media cat-53 translation_priority-6\"><div class=\"portfolio-entry-inner entry-inner wpex-clr\"><div class=\"portfolio-entry-media entry-media wpex-clr\"><a href=\"https:\/\/www.garciafaura.com\/wp-content\/uploads\/2019\/03\/HotelJazz.jpg\" title=\"Hotel Jazz Barcelona\" class=\"portfolio-entry-media-link wpex-lightbox-gallery\" data-gallery=\"[{&quot;src&quot;:&quot;https:\\\/\\\/www.garciafaura.com\\\/wp-content\\\/uploads\\\/2018\\\/11\\\/Hotel-Jazz-01.jpg&quot;,&quot;title&quot;:&quot;Arquitectura en aluminio y vidrio en este nuevo hotel barcelon\\u00e9s&quot;},{&quot;src&quot;:&quot;https:\\\/\\\/www.garciafaura.com\\\/wp-content\\\/uploads\\\/2018\\\/11\\\/Hotel-Jazz-04.jpg&quot;,&quot;title&quot;:&quot;Arquitectura en aluminio y vidrio en este nuevo hotel barcelon\\u00e9s&quot;},{&quot;src&quot;:&quot;https:\\\/\\\/www.garciafaura.com\\\/wp-content\\\/uploads\\\/2018\\\/11\\\/Hotel-Jazz-03-e1559329589775.jpg&quot;,&quot;title&quot;:&quot;Arquitectura en aluminio y vidrio en este nuevo hotel barcelon\\u00e9s&quot;},{&quot;src&quot;:&quot;https:\\\/\\\/www.garciafaura.com\\\/wp-content\\\/uploads\\\/2018\\\/11\\\/Hotel-Jazz-02.jpg&quot;,&quot;title&quot;:&quot;Arquitectura en aluminio y vidrio en este nuevo hotel barcelon\\u00e9s&quot;}]\"><img loading=\"lazy\" decoding=\"async\" data-no-lazy=\"1\" class=\"portfolio-entry-img skip-lazy\" src=\"https:\/\/www.garciafaura.com\/wp-content\/uploads\/2019\/03\/HotelJazz-600x314.jpg\" alt='' data-no-retina width=\"600\" height=\"314\" \/><\/a><\/div><div class=\"portfolio-entry-details entry-details wpex-clr\"><h2 class=\"portfolio-entry-title entry-title\"><a href=\"https:\/\/www.garciafaura.com\/es\/portfolio-item\/hotel-jazz-barcelona\/\" title=\"Hotel Jazz Barcelona\">Hotel Jazz Barcelona<\/a><\/h2><div class=\"portfolio-entry-categories entry-categories wpex-clr\"><a href=\"https:\/\/www.garciafaura.com\/es\/portfolio-category\/hoteles\/\" class=\"term-53\">Hoteles<\/a><\/div><\/div><\/div><\/div><div class=\"portfolio-entry vcex-grid-item entry-has-details span_1_of_3 col col-2 vcex-isotope-entry vcex-no-margin-entry post-18429 entry type-portfolio has-media cat-53 cat-118 cat-119 cat-58 translation_priority-6\"><div class=\"portfolio-entry-inner entry-inner wpex-clr\"><div class=\"portfolio-entry-media entry-media wpex-clr\"><a href=\"https:\/\/www.garciafaura.com\/wp-content\/uploads\/2018\/11\/Hotel-Barcelona-1898-000.jpg\" title=\"Hotel Barcelona 1898\" class=\"portfolio-entry-media-link wpex-lightbox-gallery\" data-gallery=\"[{&quot;src&quot;:&quot;https:\\\/\\\/www.garciafaura.com\\\/wp-content\\\/uploads\\\/2018\\\/11\\\/Hotel-Barcelona-1898-01.jpg&quot;,&quot;title&quot;:&quot;Rehabilitaci\\u00f3n de este edificio colonial de 1881 hoy convertido en hotel lujoso&quot;},{&quot;src&quot;:&quot;https:\\\/\\\/www.garciafaura.com\\\/wp-content\\\/uploads\\\/2018\\\/11\\\/Hotel-Barcelona-1898-000.jpg&quot;},{&quot;src&quot;:&quot;https:\\\/\\\/www.garciafaura.com\\\/wp-content\\\/uploads\\\/2018\\\/11\\\/Hotel-Barcelona-1898-00.jpg&quot;},{&quot;src&quot;:&quot;https:\\\/\\\/www.garciafaura.com\\\/wp-content\\\/uploads\\\/2018\\\/11\\\/Hotel-Barcelona-1898-03.jpg&quot;,&quot;title&quot;:&quot;Rehabilitaci\\u00f3n de este edificio colonial de 1881 hoy convertido en hotel lujoso&quot;},{&quot;src&quot;:&quot;https:\\\/\\\/www.garciafaura.com\\\/wp-content\\\/uploads\\\/2018\\\/11\\\/Hotel-Barcelona-1898-02.jpg&quot;,&quot;title&quot;:&quot;Rehabilitaci\\u00f3n de este edificio colonial de 1881 hoy convertido en hotel lujoso&quot;}]\"><img loading=\"lazy\" decoding=\"async\" data-no-lazy=\"1\" class=\"portfolio-entry-img skip-lazy\" src=\"https:\/\/www.garciafaura.com\/wp-content\/uploads\/2018\/11\/Hotel-Barcelona-1898-000-600x314.jpg\" alt='' data-no-retina width=\"600\" height=\"314\" \/><\/a><\/div><div class=\"portfolio-entry-details entry-details wpex-clr\"><h2 class=\"portfolio-entry-title entry-title\"><a href=\"https:\/\/www.garciafaura.com\/es\/portfolio-item\/hotel-barcelona-1898\/\" title=\"Hotel Barcelona 1898\">Hotel Barcelona 1898<\/a><\/h2><div class=\"portfolio-entry-categories entry-categories wpex-clr\"><a href=\"https:\/\/www.garciafaura.com\/es\/portfolio-category\/hoteles\/\" class=\"term-53\">Hoteles<\/a><\/div><\/div><\/div><\/div><div class=\"portfolio-entry vcex-grid-item entry-has-details span_1_of_3 col col-3 vcex-isotope-entry vcex-no-margin-entry post-18426 entry type-portfolio has-media cat-53 translation_priority-6\"><div class=\"portfolio-entry-inner entry-inner wpex-clr\"><div class=\"portfolio-entry-media entry-media wpex-clr\"><a href=\"https:\/\/www.garciafaura.com\/wp-content\/uploads\/2018\/11\/B-Hotel-01.jpg\" title=\"B-Hotel\" class=\"portfolio-entry-media-link wpex-lightbox-gallery\" data-gallery=\"[{&quot;src&quot;:&quot;https:\\\/\\\/www.garciafaura.com\\\/wp-content\\\/uploads\\\/2018\\\/11\\\/B-Hotel-01.jpg&quot;,&quot;title&quot;:&quot;Particular fachada del equipamiento hotelero dise\\u00f1ado por Alfredo Arribas&quot;},{&quot;src&quot;:&quot;https:\\\/\\\/www.garciafaura.com\\\/wp-content\\\/uploads\\\/2018\\\/11\\\/B-Hotel-21.jpg&quot;,&quot;title&quot;:&quot;Particular fachada del equipamiento hotelero dise\\u00f1ado por Alfredo Arribas&quot;},{&quot;src&quot;:&quot;https:\\\/\\\/www.garciafaura.com\\\/wp-content\\\/uploads\\\/2018\\\/11\\\/B-Hotel-20.jpg&quot;,&quot;title&quot;:&quot;Particular fachada del equipamiento hotelero dise\\u00f1ado por Alfredo Arribas&quot;},{&quot;src&quot;:&quot;https:\\\/\\\/www.garciafaura.com\\\/wp-content\\\/uploads\\\/2018\\\/11\\\/B-Hotel-19.jpg&quot;,&quot;title&quot;:&quot;Particular fachada del equipamiento hotelero dise\\u00f1ado por Alfredo Arribas&quot;},{&quot;src&quot;:&quot;https:\\\/\\\/www.garciafaura.com\\\/wp-content\\\/uploads\\\/2018\\\/11\\\/B-Hotel-18.jpg&quot;,&quot;title&quot;:&quot;Particular fachada del equipamiento hotelero dise\\u00f1ado por Alfredo Arribas&quot;},{&quot;src&quot;:&quot;https:\\\/\\\/www.garciafaura.com\\\/wp-content\\\/uploads\\\/2018\\\/11\\\/B-Hotel-17.jpg&quot;,&quot;title&quot;:&quot;Particular fachada del equipamiento hotelero dise\\u00f1ado por Alfredo Arribas&quot;},{&quot;src&quot;:&quot;https:\\\/\\\/www.garciafaura.com\\\/wp-content\\\/uploads\\\/2018\\\/11\\\/B-Hotel-16.jpg&quot;,&quot;title&quot;:&quot;Particular fachada del equipamiento hotelero dise\\u00f1ado por Alfredo Arribas&quot;},{&quot;src&quot;:&quot;https:\\\/\\\/www.garciafaura.com\\\/wp-content\\\/uploads\\\/2018\\\/11\\\/B-Hotel-15.jpg&quot;,&quot;title&quot;:&quot;Particular fachada del equipamiento hotelero dise\\u00f1ado por Alfredo Arribas&quot;},{&quot;src&quot;:&quot;https:\\\/\\\/www.garciafaura.com\\\/wp-content\\\/uploads\\\/2018\\\/11\\\/B-Hotel-14.jpg&quot;,&quot;title&quot;:&quot;Particular fachada del equipamiento hotelero dise\\u00f1ado por Alfredo Arribas&quot;},{&quot;src&quot;:&quot;https:\\\/\\\/www.garciafaura.com\\\/wp-content\\\/uploads\\\/2018\\\/11\\\/B-Hotel-13.jpg&quot;,&quot;title&quot;:&quot;Particular fachada del equipamiento hotelero dise\\u00f1ado por Alfredo Arribas&quot;},{&quot;src&quot;:&quot;https:\\\/\\\/www.garciafaura.com\\\/wp-content\\\/uploads\\\/2018\\\/11\\\/B-Hotel-12.jpg&quot;,&quot;title&quot;:&quot;Particular fachada del equipamiento hotelero dise\\u00f1ado por Alfredo Arribas&quot;},{&quot;src&quot;:&quot;https:\\\/\\\/www.garciafaura.com\\\/wp-content\\\/uploads\\\/2018\\\/11\\\/B-Hotel-11.jpg&quot;,&quot;title&quot;:&quot;Particular fachada del equipamiento hotelero dise\\u00f1ado por Alfredo Arribas&quot;},{&quot;src&quot;:&quot;https:\\\/\\\/www.garciafaura.com\\\/wp-content\\\/uploads\\\/2018\\\/11\\\/B-Hotel-10.jpg&quot;,&quot;title&quot;:&quot;Particular fachada del equipamiento hotelero dise\\u00f1ado por Alfredo Arribas&quot;},{&quot;src&quot;:&quot;https:\\\/\\\/www.garciafaura.com\\\/wp-content\\\/uploads\\\/2018\\\/11\\\/B-Hotel-09.jpg&quot;,&quot;title&quot;:&quot;Particular fachada del equipamiento hotelero dise\\u00f1ado por Alfredo Arribas&quot;},{&quot;src&quot;:&quot;https:\\\/\\\/www.garciafaura.com\\\/wp-content\\\/uploads\\\/2018\\\/11\\\/B-Hotel-08.jpg&quot;,&quot;title&quot;:&quot;Particular fachada del equipamiento hotelero dise\\u00f1ado por Alfredo Arribas&quot;},{&quot;src&quot;:&quot;https:\\\/\\\/www.garciafaura.com\\\/wp-content\\\/uploads\\\/2018\\\/11\\\/B-Hotel-07.jpg&quot;,&quot;title&quot;:&quot;Particular fachada del equipamiento hotelero dise\\u00f1ado por Alfredo Arribas&quot;},{&quot;src&quot;:&quot;https:\\\/\\\/www.garciafaura.com\\\/wp-content\\\/uploads\\\/2018\\\/11\\\/B-Hotel-06.jpg&quot;,&quot;title&quot;:&quot;Particular fachada del equipamiento hotelero dise\\u00f1ado por Alfredo Arribas&quot;},{&quot;src&quot;:&quot;https:\\\/\\\/www.garciafaura.com\\\/wp-content\\\/uploads\\\/2018\\\/11\\\/B-Hotel-05.jpg&quot;,&quot;title&quot;:&quot;Particular fachada del equipamiento hotelero dise\\u00f1ado por Alfredo Arribas&quot;},{&quot;src&quot;:&quot;https:\\\/\\\/www.garciafaura.com\\\/wp-content\\\/uploads\\\/2018\\\/11\\\/B-Hotel-04.jpg&quot;,&quot;title&quot;:&quot;Particular fachada del equipamiento hotelero dise\\u00f1ado por Alfredo Arribas&quot;},{&quot;src&quot;:&quot;https:\\\/\\\/www.garciafaura.com\\\/wp-content\\\/uploads\\\/2018\\\/11\\\/B-Hotel-03.jpg&quot;,&quot;title&quot;:&quot;Particular fachada del equipamiento hotelero dise\\u00f1ado por Alfredo Arribas&quot;},{&quot;src&quot;:&quot;https:\\\/\\\/www.garciafaura.com\\\/wp-content\\\/uploads\\\/2018\\\/11\\\/B-Hotel-02.jpg&quot;,&quot;title&quot;:&quot;Particular fachada del equipamiento hotelero dise\\u00f1ado por Alfredo Arribas&quot;}]\"><img decoding=\"async\" data-no-lazy=\"1\" class=\"portfolio-entry-img skip-lazy\" src=\"https:\/\/www.garciafaura.com\/wp-content\/uploads\/2018\/11\/B-Hotel-01-x.jpg\" alt=\"Particular Fachada Del Equipamiento Hotelero Dise\u00f1ado Por Alfredo Arribas\" data-no-retina \/><\/a><\/div><div class=\"portfolio-entry-details entry-details wpex-clr\"><h2 class=\"portfolio-entry-title entry-title\"><a href=\"https:\/\/www.garciafaura.com\/es\/portfolio-item\/b-hotel\/\" title=\"B-Hotel\">B-Hotel<\/a><\/h2><div class=\"portfolio-entry-categories entry-categories wpex-clr\"><a href=\"https:\/\/www.garciafaura.com\/es\/portfolio-category\/hoteles\/\" class=\"term-53\">Hoteles<\/a><\/div><\/div><\/div><\/div><div class=\"portfolio-entry vcex-grid-item entry-has-details span_1_of_3 col col-1 vcex-isotope-entry vcex-no-margin-entry post-18414 entry type-portfolio has-media cat-51 cat-53 translation_priority-6\"><div class=\"portfolio-entry-inner entry-inner wpex-clr\"><div class=\"portfolio-entry-media entry-media wpex-clr\"><a href=\"https:\/\/www.garciafaura.com\/wp-content\/uploads\/2018\/11\/Hotel-Mediterra\u0301neo-01.jpg\" title=\"Hotel Mediterr\u00e1neo\" class=\"portfolio-entry-media-link wpex-lightbox-gallery\" data-gallery=\"[{&quot;src&quot;:&quot;https:\\\/\\\/www.garciafaura.com\\\/wp-content\\\/uploads\\\/2018\\\/11\\\/Hotel-Mediterra\\u0301neo-01.jpg&quot;,&quot;title&quot;:&quot;Instalaci\\u00f3n de muro cortina en la rehabilitaci\\u00f3n de este hotel de Castelldefels&quot;}]\"><img decoding=\"async\" data-no-lazy=\"1\" class=\"portfolio-entry-img skip-lazy\" src=\"https:\/\/www.garciafaura.com\/wp-content\/uploads\/2018\/11\/Hotel-Mediterra\u0301neo-01-x.jpg\" alt=\"Instalaci\u00f3n De Muro Cortina En La Rehabilitaci\u00f3n De Este Hotel De Castelldefels\" data-no-retina \/><\/a><\/div><div class=\"portfolio-entry-details entry-details wpex-clr\"><h2 class=\"portfolio-entry-title entry-title\"><a href=\"https:\/\/www.garciafaura.com\/es\/portfolio-item\/hotel-mediterraneo\/\" title=\"Hotel Mediterr\u00e1neo\">Hotel Mediterr\u00e1neo<\/a><\/h2><div class=\"portfolio-entry-categories entry-categories wpex-clr\"><a href=\"https:\/\/www.garciafaura.com\/es\/portfolio-category\/fachadas\/\" class=\"term-51\">Fachadas<\/a><\/div><\/div><\/div><\/div><div class=\"portfolio-entry vcex-grid-item entry-has-details span_1_of_3 col col-2 vcex-isotope-entry vcex-no-margin-entry post-18411 entry type-portfolio has-media cat-53 translation_priority-6\"><div class=\"portfolio-entry-inner entry-inner wpex-clr\"><div class=\"portfolio-entry-media entry-media wpex-clr\"><a href=\"https:\/\/www.garciafaura.com\/wp-content\/uploads\/2018\/11\/Hotel-Flora-Parc-01.jpg\" title=\"Hotel Flora Parc\" class=\"portfolio-entry-media-link wpex-lightbox-gallery\" data-gallery=\"[{&quot;src&quot;:&quot;https:\\\/\\\/www.garciafaura.com\\\/wp-content\\\/uploads\\\/2018\\\/11\\\/Hotel-Flora-Parc-01.jpg&quot;,&quot;title&quot;:&quot;Rehabilitaci\\u00f3n integral en aluminio y vidrio de este equipamiento hotelero&quot;},{&quot;src&quot;:&quot;https:\\\/\\\/www.garciafaura.com\\\/wp-content\\\/uploads\\\/2018\\\/11\\\/Hotel-Flora-Parc-02.jpg&quot;,&quot;title&quot;:&quot;R\\u00e9habilitation int\\u00e9grale en aluminium et verre pour cet immeuble h\\u00f4telier&quot;}]\"><img decoding=\"async\" data-no-lazy=\"1\" class=\"portfolio-entry-img skip-lazy\" src=\"https:\/\/www.garciafaura.com\/wp-content\/uploads\/2018\/11\/Hotel-Flora-Parc-01-x.jpg\" alt=\"Rehabilitaci\u00f3n Integral En Aluminio Y Vidrio De Este Equipamiento Hotelero\" data-no-retina \/><\/a><\/div><div class=\"portfolio-entry-details entry-details wpex-clr\"><h2 class=\"portfolio-entry-title entry-title\"><a href=\"https:\/\/www.garciafaura.com\/es\/portfolio-item\/hotel-flora-parc\/\" title=\"Hotel Flora Parc\">Hotel Flora Parc<\/a><\/h2><div class=\"portfolio-entry-categories entry-categories wpex-clr\"><a href=\"https:\/\/www.garciafaura.com\/es\/portfolio-category\/hoteles\/\" class=\"term-53\">Hoteles<\/a><\/div><\/div><\/div><\/div><div class=\"portfolio-entry vcex-grid-item entry-has-details span_1_of_3 col col-3 vcex-isotope-entry vcex-no-margin-entry post-18349 entry type-portfolio has-media cat-53 cat-118 cat-119 translation_priority-6\"><div class=\"portfolio-entry-inner entry-inner wpex-clr\"><div class=\"portfolio-entry-media entry-media wpex-clr\"><a href=\"https:\/\/www.garciafaura.com\/wp-content\/uploads\/2018\/11\/Hotel-Porta-Fira-16.jpg\" title=\"Hotel Porta Fira\" class=\"portfolio-entry-media-link wpex-lightbox-gallery\" data-gallery=\"[{&quot;src&quot;:&quot;https:\\\/\\\/www.garciafaura.com\\\/wp-content\\\/uploads\\\/2018\\\/11\\\/Hotel-Porta-Fira-01.jpg&quot;,&quot;title&quot;:&quot;Carpinter\\u00eda interior, claraboyas y acabados del hotel m\\u00e1s caracter\\u00edsticas de la plaza Europa&quot;},{&quot;src&quot;:&quot;https:\\\/\\\/www.garciafaura.com\\\/wp-content\\\/uploads\\\/2018\\\/11\\\/Hotel-Porta-Fira-16.jpg&quot;,&quot;title&quot;:&quot;Carpinter\\u00eda interior, claraboyas y acabados del hotel m\\u00e1s caracter\\u00edsticas de la plaza Europa&quot;},{&quot;src&quot;:&quot;https:\\\/\\\/www.garciafaura.com\\\/wp-content\\\/uploads\\\/2018\\\/11\\\/Hotel-Porta-Fira-15.jpg&quot;,&quot;title&quot;:&quot;Carpinter\\u00eda interior, claraboyas y acabados del hotel m\\u00e1s caracter\\u00edsticas de la plaza Europa&quot;},{&quot;src&quot;:&quot;https:\\\/\\\/www.garciafaura.com\\\/wp-content\\\/uploads\\\/2018\\\/11\\\/Hotel-Porta-Fira-14.jpg&quot;,&quot;title&quot;:&quot;Carpinter\\u00eda interior, claraboyas y acabados del hotel m\\u00e1s caracter\\u00edsticas de la plaza Europa&quot;},{&quot;src&quot;:&quot;https:\\\/\\\/www.garciafaura.com\\\/wp-content\\\/uploads\\\/2018\\\/11\\\/Hotel-Porta-Fira-13.jpg&quot;,&quot;title&quot;:&quot;Carpinter\\u00eda interior, claraboyas y acabados del hotel m\\u00e1s caracter\\u00edsticas de la plaza Europa&quot;},{&quot;src&quot;:&quot;https:\\\/\\\/www.garciafaura.com\\\/wp-content\\\/uploads\\\/2018\\\/11\\\/Hotel-Porta-Fira-12.jpg&quot;,&quot;title&quot;:&quot;Carpinter\\u00eda interior, claraboyas y acabados del hotel m\\u00e1s caracter\\u00edsticas de la plaza Europa&quot;},{&quot;src&quot;:&quot;https:\\\/\\\/www.garciafaura.com\\\/wp-content\\\/uploads\\\/2018\\\/11\\\/Hotel-Porta-Fira-11.jpg&quot;,&quot;title&quot;:&quot;Carpinter\\u00eda interior, claraboyas y acabados del hotel m\\u00e1s caracter\\u00edsticas de la plaza Europa&quot;},{&quot;src&quot;:&quot;https:\\\/\\\/www.garciafaura.com\\\/wp-content\\\/uploads\\\/2018\\\/11\\\/Hotel-Porta-Fira-10.jpg&quot;,&quot;title&quot;:&quot;Carpinter\\u00eda interior, claraboyas y acabados del hotel m\\u00e1s caracter\\u00edsticas de la plaza Europa&quot;},{&quot;src&quot;:&quot;https:\\\/\\\/www.garciafaura.com\\\/wp-content\\\/uploads\\\/2018\\\/11\\\/Hotel-Porta-Fira-09.jpg&quot;,&quot;title&quot;:&quot;Carpinter\\u00eda interior, claraboyas y acabados del hotel m\\u00e1s caracter\\u00edsticas de la plaza Europa&quot;},{&quot;src&quot;:&quot;https:\\\/\\\/www.garciafaura.com\\\/wp-content\\\/uploads\\\/2018\\\/11\\\/Hotel-Porta-Fira-08.jpg&quot;,&quot;title&quot;:&quot;Carpinter\\u00eda interior, claraboyas y acabados del hotel m\\u00e1s caracter\\u00edsticas de la plaza Europa&quot;},{&quot;src&quot;:&quot;https:\\\/\\\/www.garciafaura.com\\\/wp-content\\\/uploads\\\/2018\\\/11\\\/Hotel-Porta-Fira-07.jpg&quot;,&quot;title&quot;:&quot;Carpinter\\u00eda interior, claraboyas y acabados del hotel m\\u00e1s caracter\\u00edsticas de la plaza Europa&quot;},{&quot;src&quot;:&quot;https:\\\/\\\/www.garciafaura.com\\\/wp-content\\\/uploads\\\/2018\\\/11\\\/Hotel-Porta-Fira-06.jpg&quot;,&quot;title&quot;:&quot;Carpinter\\u00eda interior, claraboyas y acabados del hotel m\\u00e1s caracter\\u00edsticas de la plaza Europa&quot;},{&quot;src&quot;:&quot;https:\\\/\\\/www.garciafaura.com\\\/wp-content\\\/uploads\\\/2018\\\/11\\\/Hotel-Porta-Fira-05.jpg&quot;,&quot;title&quot;:&quot;Carpinter\\u00eda interior, claraboyas y acabados del hotel m\\u00e1s caracter\\u00edsticas de la plaza Europa&quot;},{&quot;src&quot;:&quot;https:\\\/\\\/www.garciafaura.com\\\/wp-content\\\/uploads\\\/2018\\\/11\\\/Hotel-Porta-Fira-04.jpg&quot;,&quot;title&quot;:&quot;Carpinter\\u00eda interior, claraboyas y acabados del hotel m\\u00e1s caracter\\u00edsticas de la plaza Europa&quot;},{&quot;src&quot;:&quot;https:\\\/\\\/www.garciafaura.com\\\/wp-content\\\/uploads\\\/2018\\\/11\\\/Hotel-Porta-Fira-03.jpg&quot;,&quot;title&quot;:&quot;Carpinter\\u00eda interior, claraboyas y acabados del hotel m\\u00e1s caracter\\u00edsticas de la plaza Europa&quot;},{&quot;src&quot;:&quot;https:\\\/\\\/www.garciafaura.com\\\/wp-content\\\/uploads\\\/2018\\\/11\\\/Hotel-Porta-Fira-02.jpg&quot;,&quot;title&quot;:&quot;Carpinter\\u00eda interior, claraboyas y acabados del hotel m\\u00e1s caracter\\u00edsticas de la plaza Europa&quot;}]\"><img decoding=\"async\" data-no-lazy=\"1\" class=\"portfolio-entry-img skip-lazy\" src=\"https:\/\/www.garciafaura.com\/wp-content\/uploads\/2018\/11\/Hotel-Porta-Fira-16-x.jpg\" alt=\"Carpinter\u00eda Interior, Claraboyas Y Acabados Del Hotel M\u00e1s Caracter\u00edsticas De La Plaza Europa\" data-no-retina \/><\/a><\/div><div class=\"portfolio-entry-details entry-details wpex-clr\"><h2 class=\"portfolio-entry-title entry-title\"><a href=\"https:\/\/www.garciafaura.com\/es\/portfolio-item\/hotel-porta-fira\/\" title=\"Hotel Porta Fira\">Hotel Porta Fira<\/a><\/h2><div class=\"portfolio-entry-categories entry-categories wpex-clr\"><a href=\"https:\/\/www.garciafaura.com\/es\/portfolio-category\/hoteles\/\" class=\"term-53\">Hoteles<\/a><\/div><\/div><\/div><\/div><div class=\"portfolio-entry vcex-grid-item entry-has-details span_1_of_3 col col-1 vcex-isotope-entry vcex-no-margin-entry post-18343 entry type-portfolio has-media cat-51 cat-53 translation_priority-6\"><div class=\"portfolio-entry-inner entry-inner wpex-clr\"><div class=\"portfolio-entry-media entry-media wpex-clr\"><a href=\"https:\/\/www.garciafaura.com\/wp-content\/uploads\/2018\/11\/Rafael-Hoteles-Casanova-14.jpg\" title=\"Rafael Hoteles Casanova\" class=\"portfolio-entry-media-link wpex-lightbox-gallery\" data-gallery=\"[{&quot;src&quot;:&quot;https:\\\/\\\/www.garciafaura.com\\\/wp-content\\\/uploads\\\/2018\\\/11\\\/Rafael-Hoteles-Casanova-01.jpg&quot;,&quot;title&quot;:&quot;Cerramientos y fachada interior de este establecimiento hotelero del centro de Barcelona&quot;},{&quot;src&quot;:&quot;https:\\\/\\\/www.garciafaura.com\\\/wp-content\\\/uploads\\\/2018\\\/11\\\/Rafael-Hoteles-Casanova-14.jpg&quot;,&quot;title&quot;:&quot;Cerramientos y fachada interior de este establecimiento hotelero del centro de Barcelona&quot;},{&quot;src&quot;:&quot;https:\\\/\\\/www.garciafaura.com\\\/wp-content\\\/uploads\\\/2018\\\/11\\\/Rafael-Hoteles-Casanova-13.jpg&quot;,&quot;title&quot;:&quot;Cerramientos y fachada interior de este establecimiento hotelero del centro de Barcelona&quot;},{&quot;src&quot;:&quot;https:\\\/\\\/www.garciafaura.com\\\/wp-content\\\/uploads\\\/2018\\\/11\\\/Rafael-Hoteles-Casanova-12.jpg&quot;,&quot;title&quot;:&quot;Cerramientos y fachada interior de este establecimiento hotelero del centro de Barcelona&quot;},{&quot;src&quot;:&quot;https:\\\/\\\/www.garciafaura.com\\\/wp-content\\\/uploads\\\/2018\\\/11\\\/Rafael-Hoteles-Casanova-11.jpg&quot;,&quot;title&quot;:&quot;Cerramientos y fachada interior de este establecimiento hotelero del centro de Barcelona&quot;},{&quot;src&quot;:&quot;https:\\\/\\\/www.garciafaura.com\\\/wp-content\\\/uploads\\\/2018\\\/11\\\/Rafael-Hoteles-Casanova-10.jpg&quot;,&quot;title&quot;:&quot;Cerramientos y fachada interior de este establecimiento hotelero del centro de Barcelona&quot;},{&quot;src&quot;:&quot;https:\\\/\\\/www.garciafaura.com\\\/wp-content\\\/uploads\\\/2018\\\/11\\\/Rafael-Hoteles-Casanova-09.jpg&quot;,&quot;title&quot;:&quot;Cerramientos y fachada interior de este establecimiento hotelero del centro de Barcelona&quot;},{&quot;src&quot;:&quot;https:\\\/\\\/www.garciafaura.com\\\/wp-content\\\/uploads\\\/2018\\\/11\\\/Rafael-Hoteles-Casanova-08.jpg&quot;,&quot;title&quot;:&quot;Cerramientos y fachada interior de este establecimiento hotelero del centro de Barcelona&quot;},{&quot;src&quot;:&quot;https:\\\/\\\/www.garciafaura.com\\\/wp-content\\\/uploads\\\/2018\\\/11\\\/Rafael-Hoteles-Casanova-07.jpg&quot;,&quot;title&quot;:&quot;Cerramientos y fachada interior de este establecimiento hotelero del centro de Barcelona&quot;},{&quot;src&quot;:&quot;https:\\\/\\\/www.garciafaura.com\\\/wp-content\\\/uploads\\\/2018\\\/11\\\/Rafael-Hoteles-Casanova-06.jpg&quot;,&quot;title&quot;:&quot;Cerramientos y fachada interior de este establecimiento hotelero del centro de Barcelona&quot;},{&quot;src&quot;:&quot;https:\\\/\\\/www.garciafaura.com\\\/wp-content\\\/uploads\\\/2018\\\/11\\\/Rafael-Hoteles-Casanova-05.jpg&quot;,&quot;title&quot;:&quot;Cerramientos y fachada interior de este establecimiento hotelero del centro de Barcelona&quot;},{&quot;src&quot;:&quot;https:\\\/\\\/www.garciafaura.com\\\/wp-content\\\/uploads\\\/2018\\\/11\\\/Rafael-Hoteles-Casanova-04.jpg&quot;,&quot;title&quot;:&quot;Cerramientos y fachada interior de este establecimiento hotelero del centro de Barcelona&quot;},{&quot;src&quot;:&quot;https:\\\/\\\/www.garciafaura.com\\\/wp-content\\\/uploads\\\/2018\\\/11\\\/Rafael-Hoteles-Casanova-03.jpg&quot;,&quot;title&quot;:&quot;Cerramientos y fachada interior de este establecimiento hotelero del centro de Barcelona&quot;},{&quot;src&quot;:&quot;https:\\\/\\\/www.garciafaura.com\\\/wp-content\\\/uploads\\\/2018\\\/11\\\/Rafael-Hoteles-Casanova-02.jpg&quot;,&quot;title&quot;:&quot;Cerramientos y fachada interior de este establecimiento hotelero del centro de Barcelona&quot;}]\"><img decoding=\"async\" data-no-lazy=\"1\" class=\"portfolio-entry-img skip-lazy\" src=\"https:\/\/www.garciafaura.com\/wp-content\/uploads\/2018\/11\/Rafael-Hoteles-Casanova-14-x.jpg\" alt=\"Cerramientos Y Fachada Interior De Este Establecimiento Hotelero Del Centro De Barcelona\" data-no-retina \/><\/a><\/div><div class=\"portfolio-entry-details entry-details wpex-clr\"><h2 class=\"portfolio-entry-title entry-title\"><a href=\"https:\/\/www.garciafaura.com\/es\/portfolio-item\/rafael-hoteles-casanova\/\" title=\"Rafael Hoteles Casanova\">Rafael Hoteles Casanova<\/a><\/h2><div class=\"portfolio-entry-categories entry-categories wpex-clr\"><a href=\"https:\/\/www.garciafaura.com\/es\/portfolio-category\/fachadas\/\" class=\"term-51\">Fachadas<\/a><\/div><\/div><\/div><\/div><div class=\"portfolio-entry vcex-grid-item entry-has-details span_1_of_3 col col-2 vcex-isotope-entry vcex-no-margin-entry post-18217 entry type-portfolio has-media cat-51 cat-53 translation_priority-6\"><div class=\"portfolio-entry-inner entry-inner wpex-clr\"><div class=\"portfolio-entry-media entry-media wpex-clr\"><a href=\"https:\/\/www.garciafaura.com\/wp-content\/uploads\/2018\/11\/Hotel-Ca\u0300nem-22@-05.jpg\" title=\"Hotel C\u00e0nem 22@\" class=\"portfolio-entry-media-link wpex-lightbox-gallery\" data-gallery=\"[{&quot;src&quot;:&quot;https:\\\/\\\/www.garciafaura.com\\\/wp-content\\\/uploads\\\/2018\\\/11\\\/Hotel-Ca\\u0300nem-22@-01.jpg&quot;,&quot;title&quot;:&quot;Muro cortina del edificio hotelero de nueva construcci\\u00f3n adyacente a la antigua f\\u00e0brica C\\u00e0nem&quot;},{&quot;src&quot;:&quot;https:\\\/\\\/www.garciafaura.com\\\/wp-content\\\/uploads\\\/2018\\\/11\\\/Hotel-Ca\\u0300nem-22@-05.jpg&quot;,&quot;title&quot;:&quot;Muro cortina del edificio hotelero de nueva construcci\\u00f3n adyacente a la antigua f\\u00e0brica C\\u00e0nem&quot;},{&quot;src&quot;:&quot;https:\\\/\\\/www.garciafaura.com\\\/wp-content\\\/uploads\\\/2018\\\/11\\\/Hotel-Ca\\u0300nem-22@-04.jpg&quot;,&quot;title&quot;:&quot;Muro cortina del edificio hotelero de nueva construcci\\u00f3n adyacente a la antigua f\\u00e0brica C\\u00e0nem&quot;},{&quot;src&quot;:&quot;https:\\\/\\\/www.garciafaura.com\\\/wp-content\\\/uploads\\\/2018\\\/11\\\/Hotel-Ca\\u0300nem-22@-03.jpg&quot;,&quot;title&quot;:&quot;Muro cortina del edificio hotelero de nueva construcci\\u00f3n adyacente a la antigua f\\u00e0brica C\\u00e0nem&quot;},{&quot;src&quot;:&quot;https:\\\/\\\/www.garciafaura.com\\\/wp-content\\\/uploads\\\/2018\\\/11\\\/Hotel-Ca\\u0300nem-22@-02.jpg&quot;,&quot;title&quot;:&quot;Muro cortina del edificio hotelero de nueva construcci\\u00f3n adyacente a la antigua f\\u00e0brica C\\u00e0nem&quot;}]\"><img decoding=\"async\" data-no-lazy=\"1\" class=\"portfolio-entry-img skip-lazy\" src=\"https:\/\/www.garciafaura.com\/wp-content\/uploads\/2018\/11\/Hotel-Ca\u0300nem-22@-05-x.jpg\" alt=\"Muro Cortina Del Edificio Hotelero De Nueva Construcci\u00f3n Adyacente A La Antigua F\u00e0brica C\u00e0nem\" data-no-retina \/><\/a><\/div><div class=\"portfolio-entry-details entry-details wpex-clr\"><h2 class=\"portfolio-entry-title entry-title\"><a href=\"https:\/\/www.garciafaura.com\/es\/portfolio-item\/hotel-canem-22\/\" title=\"Hotel C\u00e0nem 22@\">Hotel C\u00e0nem 22@<\/a><\/h2><div class=\"portfolio-entry-categories entry-categories wpex-clr\"><a href=\"https:\/\/www.garciafaura.com\/es\/portfolio-category\/fachadas\/\" class=\"term-51\">Fachadas<\/a><\/div><\/div><\/div><\/div><div class=\"portfolio-entry vcex-grid-item entry-has-details span_1_of_3 col col-3 vcex-isotope-entry vcex-no-margin-entry post-18184 entry type-portfolio has-media cat-53 translation_priority-6\"><div class=\"portfolio-entry-inner entry-inner wpex-clr\"><div class=\"portfolio-entry-media entry-media wpex-clr\"><a href=\"https:\/\/www.garciafaura.com\/wp-content\/uploads\/2018\/11\/Hotel-Aqua-22.jpg\" title=\"Hotel Aqua\" class=\"portfolio-entry-media-link wpex-lightbox-gallery\" data-gallery=\"[{&quot;src&quot;:&quot;https:\\\/\\\/www.garciafaura.com\\\/wp-content\\\/uploads\\\/2018\\\/11\\\/Hotel-Aqua-01.jpg&quot;,&quot;title&quot;:&quot;Fachada y cerramientos en aluminio y vidrio&quot;},{&quot;src&quot;:&quot;https:\\\/\\\/www.garciafaura.com\\\/wp-content\\\/uploads\\\/2018\\\/11\\\/Hotel-Aqua-22.jpg&quot;,&quot;title&quot;:&quot;Fachada y cerramientos en aluminio y vidrio&quot;},{&quot;src&quot;:&quot;https:\\\/\\\/www.garciafaura.com\\\/wp-content\\\/uploads\\\/2018\\\/11\\\/Hotel-Aqua-21.jpg&quot;,&quot;title&quot;:&quot;Fachada y cerramientos en aluminio y vidrio&quot;},{&quot;src&quot;:&quot;https:\\\/\\\/www.garciafaura.com\\\/wp-content\\\/uploads\\\/2018\\\/11\\\/Hotel-Aqua-20.jpg&quot;,&quot;title&quot;:&quot;Fachada y cerramientos en aluminio y vidrio&quot;},{&quot;src&quot;:&quot;https:\\\/\\\/www.garciafaura.com\\\/wp-content\\\/uploads\\\/2018\\\/11\\\/Hotel-Aqua-19.jpg&quot;,&quot;title&quot;:&quot;Fachada y cerramientos en aluminio y vidrio&quot;},{&quot;src&quot;:&quot;https:\\\/\\\/www.garciafaura.com\\\/wp-content\\\/uploads\\\/2018\\\/11\\\/Hotel-Aqua-18.jpg&quot;,&quot;title&quot;:&quot;Fachada y cerramientos en aluminio y vidrio&quot;},{&quot;src&quot;:&quot;https:\\\/\\\/www.garciafaura.com\\\/wp-content\\\/uploads\\\/2018\\\/11\\\/Hotel-Aqua-17.jpg&quot;,&quot;title&quot;:&quot;Fachada y cerramientos en aluminio y vidrio&quot;},{&quot;src&quot;:&quot;https:\\\/\\\/www.garciafaura.com\\\/wp-content\\\/uploads\\\/2018\\\/11\\\/Hotel-Aqua-16.jpg&quot;,&quot;title&quot;:&quot;Fachada y cerramientos en aluminio y vidrio&quot;},{&quot;src&quot;:&quot;https:\\\/\\\/www.garciafaura.com\\\/wp-content\\\/uploads\\\/2018\\\/11\\\/Hotel-Aqua-15.jpg&quot;,&quot;title&quot;:&quot;Fachada y cerramientos en aluminio y vidrio&quot;},{&quot;src&quot;:&quot;https:\\\/\\\/www.garciafaura.com\\\/wp-content\\\/uploads\\\/2018\\\/11\\\/Hotel-Aqua-14.jpg&quot;,&quot;title&quot;:&quot;Fachada y cerramientos en aluminio y vidrio&quot;},{&quot;src&quot;:&quot;https:\\\/\\\/www.garciafaura.com\\\/wp-content\\\/uploads\\\/2018\\\/11\\\/Hotel-Aqua-13.jpg&quot;,&quot;title&quot;:&quot;Fachada y cerramientos en aluminio y vidrio&quot;},{&quot;src&quot;:&quot;https:\\\/\\\/www.garciafaura.com\\\/wp-content\\\/uploads\\\/2018\\\/11\\\/Hotel-Aqua-12.jpg&quot;,&quot;title&quot;:&quot;Fachada y cerramientos en aluminio y vidrio&quot;},{&quot;src&quot;:&quot;https:\\\/\\\/www.garciafaura.com\\\/wp-content\\\/uploads\\\/2018\\\/11\\\/Hotel-Aqua-11.jpg&quot;,&quot;title&quot;:&quot;Fachada y cerramientos en aluminio y vidrio&quot;},{&quot;src&quot;:&quot;https:\\\/\\\/www.garciafaura.com\\\/wp-content\\\/uploads\\\/2018\\\/11\\\/Hotel-Aqua-10.jpg&quot;,&quot;title&quot;:&quot;Fachada y cerramientos en aluminio y vidrio&quot;},{&quot;src&quot;:&quot;https:\\\/\\\/www.garciafaura.com\\\/wp-content\\\/uploads\\\/2018\\\/11\\\/Hotel-Aqua-09.jpg&quot;,&quot;title&quot;:&quot;Fachada y cerramientos en aluminio y vidrio&quot;},{&quot;src&quot;:&quot;https:\\\/\\\/www.garciafaura.com\\\/wp-content\\\/uploads\\\/2018\\\/11\\\/Hotel-Aqua-08.jpg&quot;,&quot;title&quot;:&quot;Fachada y cerramientos en aluminio y vidrio&quot;},{&quot;src&quot;:&quot;https:\\\/\\\/www.garciafaura.com\\\/wp-content\\\/uploads\\\/2018\\\/11\\\/Hotel-Aqua-07.jpg&quot;,&quot;title&quot;:&quot;Fachada y cerramientos en aluminio y vidrio&quot;},{&quot;src&quot;:&quot;https:\\\/\\\/www.garciafaura.com\\\/wp-content\\\/uploads\\\/2018\\\/11\\\/Hotel-Aqua-06.jpg&quot;,&quot;title&quot;:&quot;Fachada y cerramientos en aluminio y vidrio&quot;},{&quot;src&quot;:&quot;https:\\\/\\\/www.garciafaura.com\\\/wp-content\\\/uploads\\\/2018\\\/11\\\/Hotel-Aqua-05.jpg&quot;,&quot;title&quot;:&quot;Fachada y cerramientos en aluminio y vidrio&quot;},{&quot;src&quot;:&quot;https:\\\/\\\/www.garciafaura.com\\\/wp-content\\\/uploads\\\/2018\\\/11\\\/Hotel-Aqua-04.jpg&quot;,&quot;title&quot;:&quot;Fachada y cerramientos en aluminio y vidrio&quot;},{&quot;src&quot;:&quot;https:\\\/\\\/www.garciafaura.com\\\/wp-content\\\/uploads\\\/2018\\\/11\\\/Hotel-Aqua-03.jpg&quot;,&quot;title&quot;:&quot;Fachada y cerramientos en aluminio y vidrio&quot;},{&quot;src&quot;:&quot;https:\\\/\\\/www.garciafaura.com\\\/wp-content\\\/uploads\\\/2018\\\/11\\\/Hotel-Aqua-02.jpg&quot;,&quot;title&quot;:&quot;Fachada y cerramientos en aluminio y vidrio&quot;}]\"><img decoding=\"async\" data-no-lazy=\"1\" class=\"portfolio-entry-img skip-lazy\" src=\"https:\/\/www.garciafaura.com\/wp-content\/uploads\/2018\/11\/Hotel-Aqua-22-x.jpg\" alt=\"Fachada Y Cerramientos En Aluminio Y Vidrio\" data-no-retina \/><\/a><\/div><div class=\"portfolio-entry-details entry-details wpex-clr\"><h2 class=\"portfolio-entry-title entry-title\"><a href=\"https:\/\/www.garciafaura.com\/es\/portfolio-item\/hotel-aqua\/\" title=\"Hotel Aqua\">Hotel Aqua<\/a><\/h2><div class=\"portfolio-entry-categories entry-categories wpex-clr\"><a href=\"https:\/\/www.garciafaura.com\/es\/portfolio-category\/hoteles\/\" class=\"term-53\">Hoteles<\/a><\/div><\/div><\/div><\/div><div class=\"portfolio-entry vcex-grid-item entry-has-details span_1_of_3 col col-1 vcex-isotope-entry vcex-no-margin-entry post-18110 entry type-portfolio has-media cat-53 cat-58 translation_priority-6\"><div class=\"portfolio-entry-inner entry-inner wpex-clr\"><div class=\"portfolio-entry-media entry-media wpex-clr\"><a href=\"https:\/\/www.garciafaura.com\/wp-content\/uploads\/2018\/11\/Restaurant-La-Poma-01.jpg\" title=\"Restaurante La Poma\" class=\"portfolio-entry-media-link wpex-lightbox-gallery\" data-gallery=\"[{&quot;src&quot;:&quot;https:\\\/\\\/www.garciafaura.com\\\/wp-content\\\/uploads\\\/2018\\\/11\\\/Restaurant-La-Poma-01.jpg&quot;,&quot;title&quot;:&quot;Cerramientos de aluminio y trabajos en vidrio en c\\u00e9ntrico restaurante de Barcelona&quot;},{&quot;src&quot;:&quot;https:\\\/\\\/www.garciafaura.com\\\/wp-content\\\/uploads\\\/2018\\\/11\\\/Restaurant-La-Poma-06.jpg&quot;,&quot;title&quot;:&quot;Cerramientos de aluminio y trabajos en vidrio en c\\u00e9ntrico restaurante de Barcelona&quot;},{&quot;src&quot;:&quot;https:\\\/\\\/www.garciafaura.com\\\/wp-content\\\/uploads\\\/2018\\\/11\\\/Restaurant-La-Poma-05.jpg&quot;,&quot;title&quot;:&quot;Cerramientos de aluminio y trabajos en vidrio en c\\u00e9ntrico restaurante de Barcelona&quot;},{&quot;src&quot;:&quot;https:\\\/\\\/www.garciafaura.com\\\/wp-content\\\/uploads\\\/2018\\\/11\\\/Restaurant-La-Poma-04.jpg&quot;,&quot;title&quot;:&quot;Cerramientos de aluminio y trabajos en vidrio en c\\u00e9ntrico restaurante de Barcelona&quot;},{&quot;src&quot;:&quot;https:\\\/\\\/www.garciafaura.com\\\/wp-content\\\/uploads\\\/2018\\\/11\\\/Restaurant-La-Poma-03.jpg&quot;,&quot;title&quot;:&quot;Cerramientos de aluminio y trabajos en vidrio en c\\u00e9ntrico restaurante de Barcelona&quot;},{&quot;src&quot;:&quot;https:\\\/\\\/www.garciafaura.com\\\/wp-content\\\/uploads\\\/2018\\\/11\\\/Restaurant-La-Poma-02.jpg&quot;,&quot;title&quot;:&quot;Cerramientos de aluminio y trabajos en vidrio en c\\u00e9ntrico restaurante de Barcelona&quot;}]\"><img loading=\"lazy\" decoding=\"async\" data-no-lazy=\"1\" class=\"portfolio-entry-img skip-lazy\" src=\"https:\/\/www.garciafaura.com\/wp-content\/uploads\/2018\/11\/Restaurant-La-Poma-01.jpg\" alt=\"Cerramientos De Aluminio Y Trabajos En Vidrio En C\u00e9ntrico Restaurante De Barcelona\" data-no-retina width=\"600\" height=\"315\" \/><\/a><\/div><div class=\"portfolio-entry-details entry-details wpex-clr\"><h2 class=\"portfolio-entry-title entry-title\"><a href=\"https:\/\/www.garciafaura.com\/es\/portfolio-item\/restaurante-la-poma\/\" title=\"Restaurante La Poma\">Restaurante La Poma<\/a><\/h2><div class=\"portfolio-entry-categories entry-categories wpex-clr\"><a href=\"https:\/\/www.garciafaura.com\/es\/portfolio-category\/hoteles\/\" class=\"term-53\">Hoteles<\/a><\/div><\/div><\/div><\/div><div class=\"portfolio-entry vcex-grid-item entry-has-details span_1_of_3 col col-2 vcex-isotope-entry vcex-no-margin-entry post-18077 entry type-portfolio has-media cat-51 cat-53 cat-54 cat-118 cat-119 translation_priority-6\"><div class=\"portfolio-entry-inner entry-inner wpex-clr\"><div class=\"portfolio-entry-media entry-media wpex-clr\"><a href=\"https:\/\/www.garciafaura.com\/wp-content\/uploads\/2018\/11\/Hotel-Sofia-Sitges-02.jpg\" title=\"Hotel Sofia\" class=\"portfolio-entry-media-link wpex-lightbox-gallery\" data-gallery=\"[{&quot;src&quot;:&quot;https:\\\/\\\/www.garciafaura.com\\\/wp-content\\\/uploads\\\/2018\\\/11\\\/Hotel-Sofia-Sitges-01.jpg&quot;,&quot;title&quot;:&quot;Cerramientos y fachada exterior de este establecimiento hotelero del centro de Sitges&quot;},{&quot;src&quot;:&quot;https:\\\/\\\/www.garciafaura.com\\\/wp-content\\\/uploads\\\/2018\\\/11\\\/Hotel-Sofia-Sitges-55.jpg&quot;,&quot;title&quot;:&quot;Cerramientos y fachada exterior de este establecimiento hotelero del centro de Sitges&quot;},{&quot;src&quot;:&quot;https:\\\/\\\/www.garciafaura.com\\\/wp-content\\\/uploads\\\/2018\\\/11\\\/Hotel-Sofia-Sitges-54.jpg&quot;,&quot;title&quot;:&quot;Cerramientos y fachada exterior de este establecimiento hotelero del centro de Sitges&quot;},{&quot;src&quot;:&quot;https:\\\/\\\/www.garciafaura.com\\\/wp-content\\\/uploads\\\/2018\\\/11\\\/Hotel-Sofia-Sitges-53.jpg&quot;,&quot;title&quot;:&quot;Cerramientos y fachada exterior de este establecimiento hotelero del centro de Sitges&quot;},{&quot;src&quot;:&quot;https:\\\/\\\/www.garciafaura.com\\\/wp-content\\\/uploads\\\/2018\\\/11\\\/Hotel-Sofia-Sitges-52.jpg&quot;,&quot;title&quot;:&quot;Cerramientos y fachada exterior de este establecimiento hotelero del centro de Sitges&quot;},{&quot;src&quot;:&quot;https:\\\/\\\/www.garciafaura.com\\\/wp-content\\\/uploads\\\/2018\\\/11\\\/Hotel-Sofia-Sitges-51.jpg&quot;,&quot;title&quot;:&quot;Cerramientos y fachada exterior de este establecimiento hotelero del centro de Sitges&quot;},{&quot;src&quot;:&quot;https:\\\/\\\/www.garciafaura.com\\\/wp-content\\\/uploads\\\/2018\\\/11\\\/Hotel-Sofia-Sitges-50.jpg&quot;,&quot;title&quot;:&quot;Cerramientos y fachada exterior de este establecimiento hotelero del centro de Sitges&quot;},{&quot;src&quot;:&quot;https:\\\/\\\/www.garciafaura.com\\\/wp-content\\\/uploads\\\/2018\\\/11\\\/Hotel-Sofia-Sitges-49.jpg&quot;,&quot;title&quot;:&quot;Cerramientos y fachada exterior de este establecimiento hotelero del centro de Sitges&quot;},{&quot;src&quot;:&quot;https:\\\/\\\/www.garciafaura.com\\\/wp-content\\\/uploads\\\/2018\\\/11\\\/Hotel-Sofia-Sitges-48.jpg&quot;,&quot;title&quot;:&quot;Cerramientos y fachada exterior de este establecimiento hotelero del centro de Sitges&quot;},{&quot;src&quot;:&quot;https:\\\/\\\/www.garciafaura.com\\\/wp-content\\\/uploads\\\/2018\\\/11\\\/Hotel-Sofia-Sitges-47.jpg&quot;,&quot;title&quot;:&quot;Cerramientos y fachada exterior de este establecimiento hotelero del centro de Sitges&quot;},{&quot;src&quot;:&quot;https:\\\/\\\/www.garciafaura.com\\\/wp-content\\\/uploads\\\/2018\\\/11\\\/Hotel-Sofia-Sitges-46.jpg&quot;,&quot;title&quot;:&quot;Cerramientos y fachada exterior de este establecimiento hotelero del centro de Sitges&quot;},{&quot;src&quot;:&quot;https:\\\/\\\/www.garciafaura.com\\\/wp-content\\\/uploads\\\/2018\\\/11\\\/Hotel-Sofia-Sitges-45.jpg&quot;,&quot;title&quot;:&quot;Cerramientos y fachada exterior de este establecimiento hotelero del centro de Sitges&quot;},{&quot;src&quot;:&quot;https:\\\/\\\/www.garciafaura.com\\\/wp-content\\\/uploads\\\/2018\\\/11\\\/Hotel-Sofia-Sitges-44.jpg&quot;,&quot;title&quot;:&quot;Cerramientos y fachada exterior de este establecimiento hotelero del centro de Sitges&quot;},{&quot;src&quot;:&quot;https:\\\/\\\/www.garciafaura.com\\\/wp-content\\\/uploads\\\/2018\\\/11\\\/Hotel-Sofia-Sitges-43.jpg&quot;,&quot;title&quot;:&quot;Cerramientos y fachada exterior de este establecimiento hotelero del centro de Sitges&quot;},{&quot;src&quot;:&quot;https:\\\/\\\/www.garciafaura.com\\\/wp-content\\\/uploads\\\/2018\\\/11\\\/Hotel-Sofia-Sitges-42.jpg&quot;,&quot;title&quot;:&quot;Cerramientos y fachada exterior de este establecimiento hotelero del centro de Sitges&quot;},{&quot;src&quot;:&quot;https:\\\/\\\/www.garciafaura.com\\\/wp-content\\\/uploads\\\/2018\\\/11\\\/Hotel-Sofia-Sitges-41.jpg&quot;,&quot;title&quot;:&quot;Cerramientos y fachada exterior de este establecimiento hotelero del centro de Sitges&quot;},{&quot;src&quot;:&quot;https:\\\/\\\/www.garciafaura.com\\\/wp-content\\\/uploads\\\/2018\\\/11\\\/Hotel-Sofia-Sitges-40.jpg&quot;,&quot;title&quot;:&quot;Cerramientos y fachada exterior de este establecimiento hotelero del centro de Sitges&quot;},{&quot;src&quot;:&quot;https:\\\/\\\/www.garciafaura.com\\\/wp-content\\\/uploads\\\/2018\\\/11\\\/Hotel-Sofia-Sitges-39.jpg&quot;,&quot;title&quot;:&quot;Cerramientos y fachada exterior de este establecimiento hotelero del centro de Sitges&quot;},{&quot;src&quot;:&quot;https:\\\/\\\/www.garciafaura.com\\\/wp-content\\\/uploads\\\/2018\\\/11\\\/Hotel-Sofia-Sitges-38.jpg&quot;,&quot;title&quot;:&quot;Cerramientos y fachada exterior de este establecimiento hotelero del centro de Sitges&quot;},{&quot;src&quot;:&quot;https:\\\/\\\/www.garciafaura.com\\\/wp-content\\\/uploads\\\/2018\\\/11\\\/Hotel-Sofia-Sitges-37.jpg&quot;,&quot;title&quot;:&quot;Cerramientos y fachada exterior de este establecimiento hotelero del centro de Sitges&quot;},{&quot;src&quot;:&quot;https:\\\/\\\/www.garciafaura.com\\\/wp-content\\\/uploads\\\/2018\\\/11\\\/Hotel-Sofia-Sitges-36.jpg&quot;,&quot;title&quot;:&quot;Cerramientos y fachada exterior de este establecimiento hotelero del centro de Sitges&quot;},{&quot;src&quot;:&quot;https:\\\/\\\/www.garciafaura.com\\\/wp-content\\\/uploads\\\/2018\\\/11\\\/Hotel-Sofia-Sitges-35.jpg&quot;,&quot;title&quot;:&quot;Cerramientos y fachada exterior de este establecimiento hotelero del centro de Sitges&quot;},{&quot;src&quot;:&quot;https:\\\/\\\/www.garciafaura.com\\\/wp-content\\\/uploads\\\/2018\\\/11\\\/Hotel-Sofia-Sitges-34.jpg&quot;,&quot;title&quot;:&quot;Cerramientos y fachada exterior de este establecimiento hotelero del centro de Sitges&quot;},{&quot;src&quot;:&quot;https:\\\/\\\/www.garciafaura.com\\\/wp-content\\\/uploads\\\/2018\\\/11\\\/Hotel-Sofia-Sitges-33.jpg&quot;,&quot;title&quot;:&quot;Cerramientos y fachada exterior de este establecimiento hotelero del centro de Sitges&quot;},{&quot;src&quot;:&quot;https:\\\/\\\/www.garciafaura.com\\\/wp-content\\\/uploads\\\/2018\\\/11\\\/Hotel-Sofia-Sitges-32.jpg&quot;,&quot;title&quot;:&quot;Cerramientos y fachada exterior de este establecimiento hotelero del centro de Sitges&quot;},{&quot;src&quot;:&quot;https:\\\/\\\/www.garciafaura.com\\\/wp-content\\\/uploads\\\/2018\\\/11\\\/Hotel-Sofia-Sitges-31.jpg&quot;,&quot;title&quot;:&quot;Cerramientos y fachada exterior de este establecimiento hotelero del centro de Sitges&quot;},{&quot;src&quot;:&quot;https:\\\/\\\/www.garciafaura.com\\\/wp-content\\\/uploads\\\/2018\\\/11\\\/Hotel-Sofia-Sitges-30.jpg&quot;,&quot;title&quot;:&quot;Cerramientos y fachada exterior de este establecimiento hotelero del centro de Sitges&quot;},{&quot;src&quot;:&quot;https:\\\/\\\/www.garciafaura.com\\\/wp-content\\\/uploads\\\/2018\\\/11\\\/Hotel-Sofia-Sitges-29.jpg&quot;,&quot;title&quot;:&quot;Cerramientos y fachada exterior de este establecimiento hotelero del centro de Sitges&quot;},{&quot;src&quot;:&quot;https:\\\/\\\/www.garciafaura.com\\\/wp-content\\\/uploads\\\/2018\\\/11\\\/Hotel-Sofia-Sitges-28.jpg&quot;,&quot;title&quot;:&quot;Cerramientos y fachada exterior de este establecimiento hotelero del centro de Sitges&quot;},{&quot;src&quot;:&quot;https:\\\/\\\/www.garciafaura.com\\\/wp-content\\\/uploads\\\/2018\\\/11\\\/Hotel-Sofia-Sitges-27.jpg&quot;,&quot;title&quot;:&quot;Cerramientos y fachada exterior de este establecimiento hotelero del centro de Sitges&quot;},{&quot;src&quot;:&quot;https:\\\/\\\/www.garciafaura.com\\\/wp-content\\\/uploads\\\/2018\\\/11\\\/Hotel-Sofia-Sitges-26.jpg&quot;,&quot;title&quot;:&quot;Cerramientos y fachada exterior de este establecimiento hotelero del centro de Sitges&quot;},{&quot;src&quot;:&quot;https:\\\/\\\/www.garciafaura.com\\\/wp-content\\\/uploads\\\/2018\\\/11\\\/Hotel-Sofia-Sitges-25.jpg&quot;,&quot;title&quot;:&quot;Cerramientos y fachada exterior de este establecimiento hotelero del centro de Sitges&quot;},{&quot;src&quot;:&quot;https:\\\/\\\/www.garciafaura.com\\\/wp-content\\\/uploads\\\/2018\\\/11\\\/Hotel-Sofia-Sitges-24.jpg&quot;,&quot;title&quot;:&quot;Cerramientos y fachada exterior de este establecimiento hotelero del centro de Sitges&quot;},{&quot;src&quot;:&quot;https:\\\/\\\/www.garciafaura.com\\\/wp-content\\\/uploads\\\/2018\\\/11\\\/Hotel-Sofia-Sitges-23.jpg&quot;,&quot;title&quot;:&quot;Cerramientos y fachada exterior de este establecimiento hotelero del centro de Sitges&quot;},{&quot;src&quot;:&quot;https:\\\/\\\/www.garciafaura.com\\\/wp-content\\\/uploads\\\/2018\\\/11\\\/Hotel-Sofia-Sitges-22.jpg&quot;,&quot;title&quot;:&quot;Cerramientos y fachada exterior de este establecimiento hotelero del centro de Sitges&quot;},{&quot;src&quot;:&quot;https:\\\/\\\/www.garciafaura.com\\\/wp-content\\\/uploads\\\/2018\\\/11\\\/Hotel-Sofia-Sitges-21.jpg&quot;,&quot;title&quot;:&quot;Cerramientos y fachada exterior de este establecimiento hotelero del centro de Sitges&quot;},{&quot;src&quot;:&quot;https:\\\/\\\/www.garciafaura.com\\\/wp-content\\\/uploads\\\/2018\\\/11\\\/Hotel-Sofia-Sitges-20.jpg&quot;,&quot;title&quot;:&quot;Cerramientos y fachada exterior de este establecimiento hotelero del centro de Sitges&quot;},{&quot;src&quot;:&quot;https:\\\/\\\/www.garciafaura.com\\\/wp-content\\\/uploads\\\/2018\\\/11\\\/Hotel-Sofia-Sitges-19.jpg&quot;,&quot;title&quot;:&quot;Cerramientos y fachada exterior de este establecimiento hotelero del centro de Sitges&quot;},{&quot;src&quot;:&quot;https:\\\/\\\/www.garciafaura.com\\\/wp-content\\\/uploads\\\/2018\\\/11\\\/Hotel-Sofia-Sitges-18.jpg&quot;,&quot;title&quot;:&quot;Cerramientos y fachada exterior de este establecimiento hotelero del centro de Sitges&quot;},{&quot;src&quot;:&quot;https:\\\/\\\/www.garciafaura.com\\\/wp-content\\\/uploads\\\/2018\\\/11\\\/Hotel-Sofia-Sitges-17.jpg&quot;,&quot;title&quot;:&quot;Cerramientos y fachada exterior de este establecimiento hotelero del centro de Sitges&quot;},{&quot;src&quot;:&quot;https:\\\/\\\/www.garciafaura.com\\\/wp-content\\\/uploads\\\/2018\\\/11\\\/Hotel-Sofia-Sitges-16.jpg&quot;,&quot;title&quot;:&quot;Cerramientos y fachada exterior de este establecimiento hotelero del centro de Sitges&quot;},{&quot;src&quot;:&quot;https:\\\/\\\/www.garciafaura.com\\\/wp-content\\\/uploads\\\/2018\\\/11\\\/Hotel-Sofia-Sitges-15.jpg&quot;,&quot;title&quot;:&quot;Cerramientos y fachada exterior de este establecimiento hotelero del centro de Sitges&quot;},{&quot;src&quot;:&quot;https:\\\/\\\/www.garciafaura.com\\\/wp-content\\\/uploads\\\/2018\\\/11\\\/Hotel-Sofia-Sitges-14.jpg&quot;,&quot;title&quot;:&quot;Cerramientos y fachada exterior de este establecimiento hotelero del centro de Sitges&quot;},{&quot;src&quot;:&quot;https:\\\/\\\/www.garciafaura.com\\\/wp-content\\\/uploads\\\/2018\\\/11\\\/Hotel-Sofia-Sitges-13.jpg&quot;,&quot;title&quot;:&quot;Cerramientos y fachada exterior de este establecimiento hotelero del centro de Sitges&quot;},{&quot;src&quot;:&quot;https:\\\/\\\/www.garciafaura.com\\\/wp-content\\\/uploads\\\/2018\\\/11\\\/Hotel-Sofia-Sitges-12.jpg&quot;,&quot;title&quot;:&quot;Cerramientos y fachada exterior de este establecimiento hotelero del centro de Sitges&quot;},{&quot;src&quot;:&quot;https:\\\/\\\/www.garciafaura.com\\\/wp-content\\\/uploads\\\/2018\\\/11\\\/Hotel-Sofia-Sitges-11.jpg&quot;,&quot;title&quot;:&quot;Cerramientos y fachada exterior de este establecimiento hotelero del centro de Sitges&quot;},{&quot;src&quot;:&quot;https:\\\/\\\/www.garciafaura.com\\\/wp-content\\\/uploads\\\/2018\\\/11\\\/Hotel-Sofia-Sitges-10.jpg&quot;,&quot;title&quot;:&quot;Cerramientos y fachada exterior de este establecimiento hotelero del centro de Sitges&quot;},{&quot;src&quot;:&quot;https:\\\/\\\/www.garciafaura.com\\\/wp-content\\\/uploads\\\/2018\\\/11\\\/Hotel-Sofia-Sitges-09.jpg&quot;,&quot;title&quot;:&quot;Cerramientos y fachada exterior de este establecimiento hotelero del centro de Sitges&quot;},{&quot;src&quot;:&quot;https:\\\/\\\/www.garciafaura.com\\\/wp-content\\\/uploads\\\/2018\\\/11\\\/Hotel-Sofia-Sitges-08.jpg&quot;,&quot;title&quot;:&quot;Cerramientos y fachada exterior de este establecimiento hotelero del centro de Sitges&quot;},{&quot;src&quot;:&quot;https:\\\/\\\/www.garciafaura.com\\\/wp-content\\\/uploads\\\/2018\\\/11\\\/Hotel-Sofia-Sitges-07.jpg&quot;,&quot;title&quot;:&quot;Cerramientos y fachada exterior de este establecimiento hotelero del centro de Sitges&quot;},{&quot;src&quot;:&quot;https:\\\/\\\/www.garciafaura.com\\\/wp-content\\\/uploads\\\/2018\\\/11\\\/Hotel-Sofia-Sitges-06.jpg&quot;,&quot;title&quot;:&quot;Cerramientos y fachada exterior de este establecimiento hotelero del centro de Sitges&quot;},{&quot;src&quot;:&quot;https:\\\/\\\/www.garciafaura.com\\\/wp-content\\\/uploads\\\/2018\\\/11\\\/Hotel-Sofia-Sitges-05.jpg&quot;,&quot;title&quot;:&quot;Cerramientos y fachada exterior de este establecimiento hotelero del centro de Sitges&quot;},{&quot;src&quot;:&quot;https:\\\/\\\/www.garciafaura.com\\\/wp-content\\\/uploads\\\/2018\\\/11\\\/Hotel-Sofia-Sitges-04.jpg&quot;,&quot;title&quot;:&quot;Cerramientos y fachada exterior de este establecimiento hotelero del centro de Sitges&quot;},{&quot;src&quot;:&quot;https:\\\/\\\/www.garciafaura.com\\\/wp-content\\\/uploads\\\/2018\\\/11\\\/Hotel-Sofia-Sitges-03.jpg&quot;,&quot;title&quot;:&quot;Cerramientos y fachada exterior de este establecimiento hotelero del centro de Sitges&quot;},{&quot;src&quot;:&quot;https:\\\/\\\/www.garciafaura.com\\\/wp-content\\\/uploads\\\/2018\\\/11\\\/Hotel-Sofia-Sitges-02.jpg&quot;,&quot;title&quot;:&quot;Cerramientos y fachada exterior de este establecimiento hotelero del centro de Sitges&quot;}]\"><img loading=\"lazy\" decoding=\"async\" data-no-lazy=\"1\" class=\"portfolio-entry-img skip-lazy\" src=\"https:\/\/www.garciafaura.com\/wp-content\/uploads\/2018\/11\/Hotel-Sofia-Sitges-02-600x314.jpg\" alt=\"Cerramientos Y Fachada Exterior De Este Establecimiento Hotelero Del Centro De Sitges\" data-no-retina width=\"600\" height=\"314\" \/><\/a><\/div><div class=\"portfolio-entry-details entry-details wpex-clr\"><h2 class=\"portfolio-entry-title entry-title\"><a href=\"https:\/\/www.garciafaura.com\/es\/portfolio-item\/hotel-sofia\/\" title=\"Hotel Sofia\">Hotel Sofia<\/a><\/h2><div class=\"portfolio-entry-categories entry-categories wpex-clr\"><a href=\"https:\/\/www.garciafaura.com\/es\/portfolio-category\/fachadas\/\" class=\"term-51\">Fachadas<\/a><\/div><\/div><\/div><\/div><div class=\"portfolio-entry vcex-grid-item entry-has-details span_1_of_3 col col-3 vcex-isotope-entry vcex-no-margin-entry post-18059 entry type-portfolio has-media cat-53 cat-58 cat-59 translation_priority-6\"><div class=\"portfolio-entry-inner entry-inner wpex-clr\"><div class=\"portfolio-entry-media entry-media wpex-clr\"><a href=\"https:\/\/www.garciafaura.com\/wp-content\/uploads\/2018\/11\/Rehabilitacio\u0301-edifici-Mango-01.jpg\" title=\"Rehabilitaci\u00f3n Edificio Mango\" class=\"portfolio-entry-media-link wpex-lightbox-gallery\" data-gallery=\"[{&quot;src&quot;:&quot;https:\\\/\\\/www.garciafaura.com\\\/wp-content\\\/uploads\\\/2018\\\/11\\\/Rehabilitacio\\u0301-edifici-Mango-01.jpg&quot;,&quot;title&quot;:&quot;Rehabilitaci\\u00f3n de edificio hist\\u00f3rico de Barcelona para convertirlo en hotel&quot;},{&quot;src&quot;:&quot;https:\\\/\\\/www.garciafaura.com\\\/wp-content\\\/uploads\\\/2018\\\/11\\\/Rehabilitacio\\u0301-edifici-Mango-13.jpg&quot;,&quot;title&quot;:&quot;Rehabilitaci\\u00f3n de edificio hist\\u00f3rico de Barcelona para convertirlo en hotel&quot;},{&quot;src&quot;:&quot;https:\\\/\\\/www.garciafaura.com\\\/wp-content\\\/uploads\\\/2018\\\/11\\\/Rehabilitacio\\u0301-edifici-Mango-12.jpg&quot;,&quot;title&quot;:&quot;Rehabilitaci\\u00f3n de edificio hist\\u00f3rico de Barcelona para convertirlo en hotel&quot;},{&quot;src&quot;:&quot;https:\\\/\\\/www.garciafaura.com\\\/wp-content\\\/uploads\\\/2018\\\/11\\\/Rehabilitacio\\u0301-edifici-Mango-11.jpg&quot;,&quot;title&quot;:&quot;Rehabilitaci\\u00f3n de edificio hist\\u00f3rico de Barcelona para convertirlo en hotel&quot;},{&quot;src&quot;:&quot;https:\\\/\\\/www.garciafaura.com\\\/wp-content\\\/uploads\\\/2018\\\/11\\\/Rehabilitacio\\u0301-edifici-Mango-10.jpg&quot;,&quot;title&quot;:&quot;Rehabilitaci\\u00f3n de edificio hist\\u00f3rico de Barcelona para convertirlo en hotel&quot;},{&quot;src&quot;:&quot;https:\\\/\\\/www.garciafaura.com\\\/wp-content\\\/uploads\\\/2018\\\/11\\\/Rehabilitacio\\u0301-edifici-Mango-09.jpg&quot;,&quot;title&quot;:&quot;Rehabilitaci\\u00f3n de edificio hist\\u00f3rico de Barcelona para convertirlo en hotel&quot;},{&quot;src&quot;:&quot;https:\\\/\\\/www.garciafaura.com\\\/wp-content\\\/uploads\\\/2018\\\/11\\\/Rehabilitacio\\u0301-edifici-Mango-08.jpg&quot;,&quot;title&quot;:&quot;Rehabilitaci\\u00f3n de edificio hist\\u00f3rico de Barcelona para convertirlo en hotel&quot;},{&quot;src&quot;:&quot;https:\\\/\\\/www.garciafaura.com\\\/wp-content\\\/uploads\\\/2018\\\/11\\\/Rehabilitacio\\u0301-edifici-Mango-07.jpg&quot;,&quot;title&quot;:&quot;Rehabilitaci\\u00f3n de edificio hist\\u00f3rico de Barcelona para convertirlo en hotel&quot;},{&quot;src&quot;:&quot;https:\\\/\\\/www.garciafaura.com\\\/wp-content\\\/uploads\\\/2018\\\/11\\\/Rehabilitacio\\u0301-edifici-Mango-06.jpg&quot;,&quot;title&quot;:&quot;Rehabilitaci\\u00f3n de edificio hist\\u00f3rico de Barcelona para convertirlo en hotel&quot;},{&quot;src&quot;:&quot;https:\\\/\\\/www.garciafaura.com\\\/wp-content\\\/uploads\\\/2018\\\/11\\\/Rehabilitacio\\u0301-edifici-Mango-05.jpg&quot;,&quot;title&quot;:&quot;Rehabilitaci\\u00f3n de edificio hist\\u00f3rico de Barcelona para convertirlo en hotel&quot;},{&quot;src&quot;:&quot;https:\\\/\\\/www.garciafaura.com\\\/wp-content\\\/uploads\\\/2018\\\/11\\\/Rehabilitacio\\u0301-edifici-Mango-04.jpg&quot;,&quot;title&quot;:&quot;Rehabilitaci\\u00f3n de edificio hist\\u00f3rico de Barcelona para convertirlo en hotel&quot;},{&quot;src&quot;:&quot;https:\\\/\\\/www.garciafaura.com\\\/wp-content\\\/uploads\\\/2018\\\/11\\\/Rehabilitacio\\u0301-edifici-Mango-03.jpg&quot;,&quot;title&quot;:&quot;Rehabilitaci\\u00f3n de edificio hist\\u00f3rico de Barcelona para convertirlo en hotel&quot;},{&quot;src&quot;:&quot;https:\\\/\\\/www.garciafaura.com\\\/wp-content\\\/uploads\\\/2018\\\/11\\\/Rehabilitacio\\u0301-edifici-Mango-02.jpg&quot;,&quot;title&quot;:&quot;Rehabilitaci\\u00f3n de edificio hist\\u00f3rico de Barcelona para convertirlo en hotel&quot;}]\"><img loading=\"lazy\" decoding=\"async\" data-no-lazy=\"1\" class=\"portfolio-entry-img skip-lazy\" src=\"https:\/\/www.garciafaura.com\/wp-content\/uploads\/2018\/11\/Rehabilitacio\u0301-edifici-Mango-01-600x314.jpg\" alt=\"Rehabilitaci\u00f3n De Edificio Hist\u00f3rico De Barcelona Para Convertirlo En Hotel\" data-no-retina width=\"600\" height=\"314\" \/><\/a><\/div><div class=\"portfolio-entry-details entry-details wpex-clr\"><h2 class=\"portfolio-entry-title entry-title\"><a href=\"https:\/\/www.garciafaura.com\/es\/portfolio-item\/rehabilitacion-edificio-mango\/\" title=\"Rehabilitaci\u00f3n Edificio Mango\">Rehabilitaci\u00f3n Edificio Mango<\/a><\/h2><div class=\"portfolio-entry-categories entry-categories wpex-clr\"><a href=\"https:\/\/www.garciafaura.com\/es\/portfolio-category\/hoteles\/\" class=\"term-53\">Hoteles<\/a><\/div><\/div><\/div><\/div><div class=\"portfolio-entry vcex-grid-item entry-has-details span_1_of_3 col col-1 vcex-isotope-entry vcex-no-margin-entry post-18052 entry type-portfolio has-media cat-53 translation_priority-6\"><div class=\"portfolio-entry-inner entry-inner wpex-clr\"><div class=\"portfolio-entry-media entry-media wpex-clr\"><a href=\"https:\/\/www.garciafaura.com\/wp-content\/uploads\/2018\/11\/Aparthotel-Palafrugell-01.jpg\" title=\"Aparthotel Palafrugell\" class=\"portfolio-entry-media-link wpex-lightbox-gallery\" data-gallery=\"[{&quot;src&quot;:&quot;https:\\\/\\\/www.garciafaura.com\\\/wp-content\\\/uploads\\\/2018\\\/11\\\/Aparthotel-Palafrugell-01.jpg&quot;,&quot;title&quot;:&quot;Cerramientos en aparthotel de nueva construcci\\u00f3n en Palafrugell&quot;},{&quot;src&quot;:&quot;https:\\\/\\\/www.garciafaura.com\\\/wp-content\\\/uploads\\\/2018\\\/11\\\/Aparthotel-Palafrugell-17.jpg&quot;,&quot;title&quot;:&quot;Cerramientos en aparthotel de nueva construcci\\u00f3n en Palafrugell&quot;},{&quot;src&quot;:&quot;https:\\\/\\\/www.garciafaura.com\\\/wp-content\\\/uploads\\\/2018\\\/11\\\/Aparthotel-Palafrugell-16.jpg&quot;,&quot;title&quot;:&quot;Cerramientos en aparthotel de nueva construcci\\u00f3n en Palafrugell&quot;},{&quot;src&quot;:&quot;https:\\\/\\\/www.garciafaura.com\\\/wp-content\\\/uploads\\\/2018\\\/11\\\/Aparthotel-Palafrugell-15.jpg&quot;,&quot;title&quot;:&quot;Cerramientos en aparthotel de nueva construcci\\u00f3n en Palafrugell&quot;},{&quot;src&quot;:&quot;https:\\\/\\\/www.garciafaura.com\\\/wp-content\\\/uploads\\\/2018\\\/11\\\/Aparthotel-Palafrugell-14.jpg&quot;,&quot;title&quot;:&quot;Cerramientos en aparthotel de nueva construcci\\u00f3n en Palafrugell&quot;},{&quot;src&quot;:&quot;https:\\\/\\\/www.garciafaura.com\\\/wp-content\\\/uploads\\\/2018\\\/11\\\/Aparthotel-Palafrugell-13.jpg&quot;,&quot;title&quot;:&quot;Cerramientos en aparthotel de nueva construcci\\u00f3n en Palafrugell&quot;},{&quot;src&quot;:&quot;https:\\\/\\\/www.garciafaura.com\\\/wp-content\\\/uploads\\\/2018\\\/11\\\/Aparthotel-Palafrugell-12.jpg&quot;,&quot;title&quot;:&quot;Cerramientos en aparthotel de nueva construcci\\u00f3n en Palafrugell&quot;},{&quot;src&quot;:&quot;https:\\\/\\\/www.garciafaura.com\\\/wp-content\\\/uploads\\\/2018\\\/11\\\/Aparthotel-Palafrugell-11.jpg&quot;,&quot;title&quot;:&quot;Cerramientos en aparthotel de nueva construcci\\u00f3n en Palafrugell&quot;},{&quot;src&quot;:&quot;https:\\\/\\\/www.garciafaura.com\\\/wp-content\\\/uploads\\\/2018\\\/11\\\/Aparthotel-Palafrugell-10.jpg&quot;,&quot;title&quot;:&quot;Cerramientos en aparthotel de nueva construcci\\u00f3n en Palafrugell&quot;},{&quot;src&quot;:&quot;https:\\\/\\\/www.garciafaura.com\\\/wp-content\\\/uploads\\\/2018\\\/11\\\/Aparthotel-Palafrugell-09.jpg&quot;,&quot;title&quot;:&quot;Cerramientos en aparthotel de nueva construcci\\u00f3n en Palafrugell&quot;},{&quot;src&quot;:&quot;https:\\\/\\\/www.garciafaura.com\\\/wp-content\\\/uploads\\\/2018\\\/11\\\/Aparthotel-Palafrugell-08.jpg&quot;,&quot;title&quot;:&quot;Cerramientos en aparthotel de nueva construcci\\u00f3n en Palafrugell&quot;},{&quot;src&quot;:&quot;https:\\\/\\\/www.garciafaura.com\\\/wp-content\\\/uploads\\\/2018\\\/11\\\/Aparthotel-Palafrugell-07.jpg&quot;,&quot;title&quot;:&quot;Cerramientos en aparthotel de nueva construcci\\u00f3n en Palafrugell&quot;},{&quot;src&quot;:&quot;https:\\\/\\\/www.garciafaura.com\\\/wp-content\\\/uploads\\\/2018\\\/11\\\/Aparthotel-Palafrugell-06.jpg&quot;,&quot;title&quot;:&quot;Cerramientos en aparthotel de nueva construcci\\u00f3n en Palafrugell&quot;},{&quot;src&quot;:&quot;https:\\\/\\\/www.garciafaura.com\\\/wp-content\\\/uploads\\\/2018\\\/11\\\/Aparthotel-Palafrugell-05.jpg&quot;,&quot;title&quot;:&quot;Cerramientos en aparthotel de nueva construcci\\u00f3n en Palafrugell&quot;},{&quot;src&quot;:&quot;https:\\\/\\\/www.garciafaura.com\\\/wp-content\\\/uploads\\\/2018\\\/11\\\/Aparthotel-Palafrugell-04.jpg&quot;,&quot;title&quot;:&quot;Cerramientos en aparthotel de nueva construcci\\u00f3n en Palafrugell&quot;},{&quot;src&quot;:&quot;https:\\\/\\\/www.garciafaura.com\\\/wp-content\\\/uploads\\\/2018\\\/11\\\/Aparthotel-Palafrugell-03.jpg&quot;,&quot;title&quot;:&quot;Cerramientos en aparthotel de nueva construcci\\u00f3n en Palafrugell&quot;},{&quot;src&quot;:&quot;https:\\\/\\\/www.garciafaura.com\\\/wp-content\\\/uploads\\\/2018\\\/11\\\/Aparthotel-Palafrugell-02.jpg&quot;,&quot;title&quot;:&quot;Cerramientos en aparthotel de nueva construcci\\u00f3n en Palafrugell&quot;}]\"><img loading=\"lazy\" decoding=\"async\" data-no-lazy=\"1\" class=\"portfolio-entry-img skip-lazy\" src=\"https:\/\/www.garciafaura.com\/wp-content\/uploads\/2018\/11\/Aparthotel-Palafrugell-01-600x314.jpg\" alt=\"Cerramientos En Aparthotel De Nueva Construcci\u00f3n En Palafrugell\" data-no-retina width=\"600\" height=\"314\" \/><\/a><\/div><div class=\"portfolio-entry-details entry-details wpex-clr\"><h2 class=\"portfolio-entry-title entry-title\"><a href=\"https:\/\/www.garciafaura.com\/es\/portfolio-item\/aparthotel-palafrugell\/\" title=\"Aparthotel Palafrugell\">Aparthotel Palafrugell<\/a><\/h2><div class=\"portfolio-entry-categories entry-categories wpex-clr\"><a href=\"https:\/\/www.garciafaura.com\/es\/portfolio-category\/hoteles\/\" class=\"term-53\">Hoteles<\/a><\/div><\/div><\/div><\/div><div class=\"portfolio-entry vcex-grid-item entry-has-details span_1_of_3 col col-2 vcex-isotope-entry vcex-no-margin-entry post-18036 entry type-portfolio has-media cat-53 cat-54 cat-118 cat-119 translation_priority-6\"><div class=\"portfolio-entry-inner entry-inner wpex-clr\"><div class=\"portfolio-entry-media entry-media wpex-clr\"><a href=\"https:\/\/www.garciafaura.com\/wp-content\/uploads\/2018\/11\/Hotel-SB-Plac\u0327a-Europa-01.jpg\" title=\"Hotel SB Plaza Europa\" class=\"portfolio-entry-media-link wpex-lightbox-gallery\" data-gallery=\"[{&quot;src&quot;:&quot;https:\\\/\\\/www.garciafaura.com\\\/wp-content\\\/uploads\\\/2018\\\/11\\\/Hotel-SB-Plac\\u0327a-Europa-02.jpg&quot;,&quot;title&quot;:&quot;Cerramientos en aluminio y vidrio del nuevo equipamiento del grupo SB Hotels en L&#039;Hospitalet&quot;},{&quot;src&quot;:&quot;https:\\\/\\\/www.garciafaura.com\\\/wp-content\\\/uploads\\\/2018\\\/11\\\/Hotel-SB-Plac\\u0327a-Europa-20.jpg&quot;,&quot;title&quot;:&quot;Cerramientos en aluminio y vidrio del nuevo equipamiento del grupo SB Hotels en L&#039;Hospitalet&quot;},{&quot;src&quot;:&quot;https:\\\/\\\/www.garciafaura.com\\\/wp-content\\\/uploads\\\/2018\\\/11\\\/Hotel-SB-Plac\\u0327a-Europa-19.jpg&quot;,&quot;title&quot;:&quot;Cerramientos en aluminio y vidrio del nuevo equipamiento del grupo SB Hotels en L&#039;Hospitalet&quot;},{&quot;src&quot;:&quot;https:\\\/\\\/www.garciafaura.com\\\/wp-content\\\/uploads\\\/2018\\\/11\\\/Hotel-SB-Plac\\u0327a-Europa-18.jpg&quot;,&quot;title&quot;:&quot;Cerramientos en aluminio y vidrio del nuevo equipamiento del grupo SB Hotels en L&#039;Hospitalet&quot;},{&quot;src&quot;:&quot;https:\\\/\\\/www.garciafaura.com\\\/wp-content\\\/uploads\\\/2018\\\/11\\\/Hotel-SB-Plac\\u0327a-Europa-17.jpg&quot;,&quot;title&quot;:&quot;Cerramientos en aluminio y vidrio del nuevo equipamiento del grupo SB Hotels en L&#039;Hospitalet&quot;},{&quot;src&quot;:&quot;https:\\\/\\\/www.garciafaura.com\\\/wp-content\\\/uploads\\\/2018\\\/11\\\/Hotel-SB-Plac\\u0327a-Europa-16.jpg&quot;,&quot;title&quot;:&quot;Cerramientos en aluminio y vidrio del nuevo equipamiento del grupo SB Hotels en L&#039;Hospitalet&quot;},{&quot;src&quot;:&quot;https:\\\/\\\/www.garciafaura.com\\\/wp-content\\\/uploads\\\/2018\\\/11\\\/Hotel-SB-Plac\\u0327a-Europa-15.jpg&quot;,&quot;title&quot;:&quot;Cerramientos en aluminio y vidrio del nuevo equipamiento del grupo SB Hotels en L&#039;Hospitalet&quot;},{&quot;src&quot;:&quot;https:\\\/\\\/www.garciafaura.com\\\/wp-content\\\/uploads\\\/2018\\\/11\\\/Hotel-SB-Plac\\u0327a-Europa-14.jpg&quot;,&quot;title&quot;:&quot;Cerramientos en aluminio y vidrio del nuevo equipamiento del grupo SB Hotels en L&#039;Hospitalet&quot;},{&quot;src&quot;:&quot;https:\\\/\\\/www.garciafaura.com\\\/wp-content\\\/uploads\\\/2018\\\/11\\\/Hotel-SB-Plac\\u0327a-Europa-13.jpg&quot;,&quot;title&quot;:&quot;Cerramientos en aluminio y vidrio del nuevo equipamiento del grupo SB Hotels en L&#039;Hospitalet&quot;},{&quot;src&quot;:&quot;https:\\\/\\\/www.garciafaura.com\\\/wp-content\\\/uploads\\\/2018\\\/11\\\/Hotel-SB-Plac\\u0327a-Europa-12.jpg&quot;,&quot;title&quot;:&quot;Cerramientos en aluminio y vidrio del nuevo equipamiento del grupo SB Hotels en L&#039;Hospitalet&quot;},{&quot;src&quot;:&quot;https:\\\/\\\/www.garciafaura.com\\\/wp-content\\\/uploads\\\/2018\\\/11\\\/Hotel-SB-Plac\\u0327a-Europa-11.jpg&quot;,&quot;title&quot;:&quot;Cerramientos en aluminio y vidrio del nuevo equipamiento del grupo SB Hotels en L&#039;Hospitalet&quot;},{&quot;src&quot;:&quot;https:\\\/\\\/www.garciafaura.com\\\/wp-content\\\/uploads\\\/2018\\\/11\\\/Hotel-SB-Plac\\u0327a-Europa-10.jpg&quot;,&quot;title&quot;:&quot;Cerramientos en aluminio y vidrio del nuevo equipamiento del grupo SB Hotels en L&#039;Hospitalet&quot;},{&quot;src&quot;:&quot;https:\\\/\\\/www.garciafaura.com\\\/wp-content\\\/uploads\\\/2018\\\/11\\\/Hotel-SB-Plac\\u0327a-Europa-09.jpg&quot;,&quot;title&quot;:&quot;Cerramientos en aluminio y vidrio del nuevo equipamiento del grupo SB Hotels en L&#039;Hospitalet&quot;},{&quot;src&quot;:&quot;https:\\\/\\\/www.garciafaura.com\\\/wp-content\\\/uploads\\\/2018\\\/11\\\/Hotel-SB-Plac\\u0327a-Europa-08.jpg&quot;,&quot;title&quot;:&quot;Cerramientos en aluminio y vidrio del nuevo equipamiento del grupo SB Hotels en L&#039;Hospitalet&quot;},{&quot;src&quot;:&quot;https:\\\/\\\/www.garciafaura.com\\\/wp-content\\\/uploads\\\/2018\\\/11\\\/Hotel-SB-Plac\\u0327a-Europa-07.jpg&quot;,&quot;title&quot;:&quot;Cerramientos en aluminio y vidrio del nuevo equipamiento del grupo SB Hotels en L&#039;Hospitalet&quot;},{&quot;src&quot;:&quot;https:\\\/\\\/www.garciafaura.com\\\/wp-content\\\/uploads\\\/2018\\\/11\\\/Hotel-SB-Plac\\u0327a-Europa-06.jpg&quot;,&quot;title&quot;:&quot;Cerramientos en aluminio y vidrio del nuevo equipamiento del grupo SB Hotels en L&#039;Hospitalet&quot;},{&quot;src&quot;:&quot;https:\\\/\\\/www.garciafaura.com\\\/wp-content\\\/uploads\\\/2018\\\/11\\\/Hotel-SB-Plac\\u0327a-Europa-05.jpg&quot;,&quot;title&quot;:&quot;Cerramientos en aluminio y vidrio del nuevo equipamiento del grupo SB Hotels en L&#039;Hospitalet&quot;},{&quot;src&quot;:&quot;https:\\\/\\\/www.garciafaura.com\\\/wp-content\\\/uploads\\\/2018\\\/11\\\/Hotel-SB-Plac\\u0327a-Europa-04.jpg&quot;,&quot;title&quot;:&quot;Cerramientos en aluminio y vidrio del nuevo equipamiento del grupo SB Hotels en L&#039;Hospitalet&quot;},{&quot;src&quot;:&quot;https:\\\/\\\/www.garciafaura.com\\\/wp-content\\\/uploads\\\/2018\\\/11\\\/Hotel-SB-Plac\\u0327a-Europa-03.jpg&quot;,&quot;title&quot;:&quot;Cerramientos en aluminio y vidrio del nuevo equipamiento del grupo SB Hotels en L&#039;Hospitalet&quot;},{&quot;src&quot;:&quot;https:\\\/\\\/www.garciafaura.com\\\/wp-content\\\/uploads\\\/2018\\\/11\\\/Hotel-SB-Plac\\u0327a-Europa-01.jpg&quot;,&quot;title&quot;:&quot;Cerramientos en aluminio y vidrio del nuevo equipamiento del grupo SB Hotels en L&#039;Hospitalet&quot;}]\"><img decoding=\"async\" data-no-lazy=\"1\" class=\"portfolio-entry-img skip-lazy\" src=\"https:\/\/www.garciafaura.com\/wp-content\/uploads\/2018\/11\/Hotel-SB-Plac\u0327a-Europa-01-x.jpg\" alt=\"Cerramientos En Aluminio Y Vidrio Del Nuevo Equipamiento Del Grupo SB Hotels En L'Hospitalet\" data-no-retina \/><\/a><\/div><div class=\"portfolio-entry-details entry-details wpex-clr\"><h2 class=\"portfolio-entry-title entry-title\"><a href=\"https:\/\/www.garciafaura.com\/es\/portfolio-item\/hotel-sb-plaza-europa\/\" title=\"Hotel SB Plaza Europa\">Hotel SB Plaza Europa<\/a><\/h2><div class=\"portfolio-entry-categories entry-categories wpex-clr\"><a href=\"https:\/\/www.garciafaura.com\/es\/portfolio-category\/hoteles\/\" class=\"term-53\">Hoteles<\/a><\/div><\/div><\/div><\/div><div class=\"portfolio-entry vcex-grid-item entry-has-details span_1_of_3 col col-3 vcex-isotope-entry vcex-no-margin-entry post-17953 entry type-portfolio has-media cat-53 cat-58 translation_priority-6\"><div class=\"portfolio-entry-inner entry-inner wpex-clr\"><div class=\"portfolio-entry-media entry-media wpex-clr\"><a href=\"https:\/\/www.garciafaura.com\/wp-content\/uploads\/2018\/11\/Rehabilitacio\u0301-Hotel-Sol-Beach-Eivissa-08.jpg\" title=\"Rehabilitaci\u00f3n Hotel Sol Beach Club\" class=\"portfolio-entry-media-link wpex-lightbox-gallery\" data-gallery=\"[{&quot;src&quot;:&quot;https:\\\/\\\/www.garciafaura.com\\\/wp-content\\\/uploads\\\/2018\\\/11\\\/Rehabilitacio\\u0301-Hotel-Sol-Beach-Eivissa-01.jpg&quot;,&quot;title&quot;:&quot;Cerramientos de aluminio y barandas exteriores para reforma integral de establecimiento&quot;},{&quot;src&quot;:&quot;https:\\\/\\\/www.garciafaura.com\\\/wp-content\\\/uploads\\\/2018\\\/11\\\/Rehabilitacio\\u0301-Hotel-Sol-Beach-Eivissa-14.jpg&quot;,&quot;title&quot;:&quot;Cerramientos de aluminio y barandas exteriores para reforma integral de establecimiento&quot;},{&quot;src&quot;:&quot;https:\\\/\\\/www.garciafaura.com\\\/wp-content\\\/uploads\\\/2018\\\/11\\\/Rehabilitacio\\u0301-Hotel-Sol-Beach-Eivissa-13.jpg&quot;,&quot;title&quot;:&quot;Cerramientos de aluminio y barandas exteriores para reforma integral de establecimiento&quot;},{&quot;src&quot;:&quot;https:\\\/\\\/www.garciafaura.com\\\/wp-content\\\/uploads\\\/2018\\\/11\\\/Rehabilitacio\\u0301-Hotel-Sol-Beach-Eivissa-12.jpg&quot;,&quot;title&quot;:&quot;Cerramientos de aluminio y barandas exteriores para reforma integral de establecimiento&quot;},{&quot;src&quot;:&quot;https:\\\/\\\/www.garciafaura.com\\\/wp-content\\\/uploads\\\/2018\\\/11\\\/Rehabilitacio\\u0301-Hotel-Sol-Beach-Eivissa-11.jpg&quot;,&quot;title&quot;:&quot;Cerramientos de aluminio y barandas exteriores para reforma integral de establecimiento&quot;},{&quot;src&quot;:&quot;https:\\\/\\\/www.garciafaura.com\\\/wp-content\\\/uploads\\\/2018\\\/11\\\/Rehabilitacio\\u0301-Hotel-Sol-Beach-Eivissa-10.jpg&quot;,&quot;title&quot;:&quot;Cerramientos de aluminio y barandas exteriores para reforma integral de establecimiento&quot;},{&quot;src&quot;:&quot;https:\\\/\\\/www.garciafaura.com\\\/wp-content\\\/uploads\\\/2018\\\/11\\\/Rehabilitacio\\u0301-Hotel-Sol-Beach-Eivissa-09.jpg&quot;,&quot;title&quot;:&quot;Cerramientos de aluminio y barandas exteriores para reforma integral de establecimiento&quot;},{&quot;src&quot;:&quot;https:\\\/\\\/www.garciafaura.com\\\/wp-content\\\/uploads\\\/2018\\\/11\\\/Rehabilitacio\\u0301-Hotel-Sol-Beach-Eivissa-08.jpg&quot;,&quot;title&quot;:&quot;Cerramientos de aluminio y barandas exteriores para reforma integral de establecimiento&quot;},{&quot;src&quot;:&quot;https:\\\/\\\/www.garciafaura.com\\\/wp-content\\\/uploads\\\/2018\\\/11\\\/Rehabilitacio\\u0301-Hotel-Sol-Beach-Eivissa-07.jpg&quot;,&quot;title&quot;:&quot;Cerramientos de aluminio y barandas exteriores para reforma integral de establecimiento&quot;},{&quot;src&quot;:&quot;https:\\\/\\\/www.garciafaura.com\\\/wp-content\\\/uploads\\\/2018\\\/11\\\/Rehabilitacio\\u0301-Hotel-Sol-Beach-Eivissa-06.jpg&quot;,&quot;title&quot;:&quot;Cerramientos de aluminio y barandas exteriores para reforma integral de establecimiento&quot;},{&quot;src&quot;:&quot;https:\\\/\\\/www.garciafaura.com\\\/wp-content\\\/uploads\\\/2018\\\/11\\\/Rehabilitacio\\u0301-Hotel-Sol-Beach-Eivissa-05.jpg&quot;,&quot;title&quot;:&quot;Cerramientos de aluminio y barandas exteriores para reforma integral de establecimiento&quot;},{&quot;src&quot;:&quot;https:\\\/\\\/www.garciafaura.com\\\/wp-content\\\/uploads\\\/2018\\\/11\\\/Rehabilitacio\\u0301-Hotel-Sol-Beach-Eivissa-04.jpg&quot;,&quot;title&quot;:&quot;Cerramientos de aluminio y barandas exteriores para reforma integral de establecimiento&quot;},{&quot;src&quot;:&quot;https:\\\/\\\/www.garciafaura.com\\\/wp-content\\\/uploads\\\/2018\\\/11\\\/Rehabilitacio\\u0301-Hotel-Sol-Beach-Eivissa-03.jpg&quot;,&quot;title&quot;:&quot;Cerramientos de aluminio y barandas exteriores para reforma integral de establecimiento&quot;},{&quot;src&quot;:&quot;https:\\\/\\\/www.garciafaura.com\\\/wp-content\\\/uploads\\\/2018\\\/11\\\/Rehabilitacio\\u0301-Hotel-Sol-Beach-Eivissa-02.jpg&quot;,&quot;title&quot;:&quot;Cerramientos de aluminio y barandas exteriores para reforma integral de establecimiento&quot;}]\"><img loading=\"lazy\" decoding=\"async\" data-no-lazy=\"1\" class=\"portfolio-entry-img skip-lazy\" src=\"https:\/\/www.garciafaura.com\/wp-content\/uploads\/2018\/11\/Rehabilitacio\u0301-Hotel-Sol-Beach-Eivissa-08-600x314.jpg\" alt=\"Cerramientos De Aluminio Y Barandas Exteriores Para Reforma Integral De Establecimiento\" data-no-retina width=\"600\" height=\"314\" \/><\/a><\/div><div class=\"portfolio-entry-details entry-details wpex-clr\"><h2 class=\"portfolio-entry-title entry-title\"><a href=\"https:\/\/www.garciafaura.com\/es\/portfolio-item\/rehabilitacion-hotel-sol-beach-club\/\" title=\"Rehabilitaci\u00f3n Hotel Sol Beach Club\">Rehabilitaci\u00f3n Hotel Sol Beach Club<\/a><\/h2><div class=\"portfolio-entry-categories entry-categories wpex-clr\"><a href=\"https:\/\/www.garciafaura.com\/es\/portfolio-category\/hoteles\/\" class=\"term-53\">Hoteles<\/a><\/div><\/div><\/div><\/div><div class=\"portfolio-entry vcex-grid-item entry-has-details span_1_of_3 col col-1 vcex-isotope-entry vcex-no-margin-entry post-17838 entry type-portfolio has-media cat-53 translation_priority-6\"><div class=\"portfolio-entry-inner entry-inner wpex-clr\"><div class=\"portfolio-entry-media entry-media wpex-clr\"><a href=\"https:\/\/www.garciafaura.com\/wp-content\/uploads\/2018\/10\/Aparthotel-Provenc\u0327a-03.jpg\" title=\"Aparthotel Proven\u00e7a\" class=\"portfolio-entry-media-link wpex-lightbox-gallery\" data-gallery=\"[{&quot;src&quot;:&quot;https:\\\/\\\/www.garciafaura.com\\\/wp-content\\\/uploads\\\/2018\\\/10\\\/Aparthotel-Provenc\\u0327a-01.jpg&quot;,&quot;title&quot;:&quot;Cerramientos para aparthotel en el centro de Barcelona.&quot;},{&quot;src&quot;:&quot;https:\\\/\\\/www.garciafaura.com\\\/wp-content\\\/uploads\\\/2018\\\/10\\\/Aparthotel-Provenc\\u0327a-07.jpg&quot;,&quot;title&quot;:&quot;Cerramientos para aparthotel en el centro de Barcelona.&quot;},{&quot;src&quot;:&quot;https:\\\/\\\/www.garciafaura.com\\\/wp-content\\\/uploads\\\/2018\\\/10\\\/Aparthotel-Provenc\\u0327a-06.jpg&quot;,&quot;title&quot;:&quot;Cerramientos para aparthotel en el centro de Barcelona.&quot;},{&quot;src&quot;:&quot;https:\\\/\\\/www.garciafaura.com\\\/wp-content\\\/uploads\\\/2018\\\/10\\\/Aparthotel-Provenc\\u0327a-05.jpg&quot;,&quot;title&quot;:&quot;Cerramientos para aparthotel en el centro de Barcelona.&quot;},{&quot;src&quot;:&quot;https:\\\/\\\/www.garciafaura.com\\\/wp-content\\\/uploads\\\/2018\\\/10\\\/Aparthotel-Provenc\\u0327a-04.jpg&quot;,&quot;title&quot;:&quot;Cerramientos para aparthotel en el centro de Barcelona.&quot;},{&quot;src&quot;:&quot;https:\\\/\\\/www.garciafaura.com\\\/wp-content\\\/uploads\\\/2018\\\/10\\\/Aparthotel-Provenc\\u0327a-03.jpg&quot;,&quot;title&quot;:&quot;Cerramientos para aparthotel en el centro de Barcelona.&quot;},{&quot;src&quot;:&quot;https:\\\/\\\/www.garciafaura.com\\\/wp-content\\\/uploads\\\/2018\\\/10\\\/Aparthotel-Provenc\\u0327a-02.jpg&quot;,&quot;title&quot;:&quot;Cerramientos para aparthotel en el centro de Barcelona.&quot;}]\"><img loading=\"lazy\" decoding=\"async\" data-no-lazy=\"1\" class=\"portfolio-entry-img skip-lazy\" src=\"https:\/\/www.garciafaura.com\/wp-content\/uploads\/2018\/10\/Aparthotel-Provenc\u0327a-03-600x314.jpg\" alt=\"Cerramientos Para Aparthotel En El Centro De Barcelona.\" data-no-retina width=\"600\" height=\"314\" \/><\/a><\/div><div class=\"portfolio-entry-details entry-details wpex-clr\"><h2 class=\"portfolio-entry-title entry-title\"><a href=\"https:\/\/www.garciafaura.com\/es\/portfolio-item\/aparthotel-provenca\/\" title=\"Aparthotel Proven\u00e7a\">Aparthotel Proven\u00e7a<\/a><\/h2><div class=\"portfolio-entry-categories entry-categories wpex-clr\"><a href=\"https:\/\/www.garciafaura.com\/es\/portfolio-category\/hoteles\/\" class=\"term-53\">Hoteles<\/a><\/div><\/div><\/div><\/div><div class=\"portfolio-entry vcex-grid-item entry-has-details span_1_of_3 col col-2 vcex-isotope-entry vcex-no-margin-entry post-17813 entry type-portfolio has-media cat-53 translation_priority-6\"><div class=\"portfolio-entry-inner entry-inner wpex-clr\"><div class=\"portfolio-entry-media entry-media wpex-clr\"><a href=\"https:\/\/www.garciafaura.com\/wp-content\/uploads\/2018\/10\/Hotel-Smart-Room-Barcelona-11.jpg\" title=\"Hotel Smart Room Barcelona\" class=\"portfolio-entry-media-link wpex-lightbox-gallery\" data-gallery=\"[{&quot;src&quot;:&quot;https:\\\/\\\/www.garciafaura.com\\\/wp-content\\\/uploads\\\/2018\\\/10\\\/Hotel-Smart-Room-Barcelona-01.jpg&quot;,&quot;title&quot;:&quot;Cerramientos de aluminio y vidrio en c\\u00e9ntrico hotel de Barcelona&quot;},{&quot;src&quot;:&quot;https:\\\/\\\/www.garciafaura.com\\\/wp-content\\\/uploads\\\/2018\\\/10\\\/Hotel-Smart-Room-Barcelona-12.jpg&quot;,&quot;title&quot;:&quot;Cerramientos de aluminio y vidrio en c\\u00e9ntrico hotel de Barcelona&quot;},{&quot;src&quot;:&quot;https:\\\/\\\/www.garciafaura.com\\\/wp-content\\\/uploads\\\/2018\\\/10\\\/Hotel-Smart-Room-Barcelona-10.jpg&quot;,&quot;title&quot;:&quot;Cerramientos de aluminio y vidrio en c\\u00e9ntrico hotel de Barcelona&quot;},{&quot;src&quot;:&quot;https:\\\/\\\/www.garciafaura.com\\\/wp-content\\\/uploads\\\/2018\\\/10\\\/Hotel-Smart-Room-Barcelona-11.jpg&quot;,&quot;title&quot;:&quot;Cerramientos de aluminio y vidrio en c\\u00e9ntrico hotel de Barcelona&quot;},{&quot;src&quot;:&quot;https:\\\/\\\/www.garciafaura.com\\\/wp-content\\\/uploads\\\/2018\\\/10\\\/Hotel-Smart-Room-Barcelona-09.jpg&quot;,&quot;title&quot;:&quot;Cerramientos de aluminio y vidrio en c\\u00e9ntrico hotel de Barcelona&quot;},{&quot;src&quot;:&quot;https:\\\/\\\/www.garciafaura.com\\\/wp-content\\\/uploads\\\/2018\\\/10\\\/Hotel-Smart-Room-Barcelona-08.jpg&quot;,&quot;title&quot;:&quot;Cerramientos de aluminio y vidrio en c\\u00e9ntrico hotel de Barcelona&quot;},{&quot;src&quot;:&quot;https:\\\/\\\/www.garciafaura.com\\\/wp-content\\\/uploads\\\/2018\\\/10\\\/Hotel-Smart-Room-Barcelona-07.jpg&quot;,&quot;title&quot;:&quot;Cerramientos de aluminio y vidrio en c\\u00e9ntrico hotel de Barcelona&quot;},{&quot;src&quot;:&quot;https:\\\/\\\/www.garciafaura.com\\\/wp-content\\\/uploads\\\/2018\\\/10\\\/Hotel-Smart-Room-Barcelona-06.jpg&quot;,&quot;title&quot;:&quot;Cerramientos de aluminio y vidrio en c\\u00e9ntrico hotel de Barcelona&quot;},{&quot;src&quot;:&quot;https:\\\/\\\/www.garciafaura.com\\\/wp-content\\\/uploads\\\/2018\\\/10\\\/Hotel-Smart-Room-Barcelona-05.jpg&quot;,&quot;title&quot;:&quot;Cerramientos de aluminio y vidrio en c\\u00e9ntrico hotel de Barcelona&quot;},{&quot;src&quot;:&quot;https:\\\/\\\/www.garciafaura.com\\\/wp-content\\\/uploads\\\/2018\\\/10\\\/Hotel-Smart-Room-Barcelona-04.jpg&quot;,&quot;title&quot;:&quot;Cerramientos de aluminio y vidrio en c\\u00e9ntrico hotel de Barcelona&quot;},{&quot;src&quot;:&quot;https:\\\/\\\/www.garciafaura.com\\\/wp-content\\\/uploads\\\/2018\\\/10\\\/Hotel-Smart-Room-Barcelona-03.jpg&quot;,&quot;title&quot;:&quot;Cerramientos de aluminio y vidrio en c\\u00e9ntrico hotel de Barcelona&quot;},{&quot;src&quot;:&quot;https:\\\/\\\/www.garciafaura.com\\\/wp-content\\\/uploads\\\/2018\\\/10\\\/Hotel-Smart-Room-Barcelona-02.jpg&quot;,&quot;title&quot;:&quot;Cerramientos de aluminio y vidrio en c\\u00e9ntrico hotel de Barcelona&quot;}]\"><img loading=\"lazy\" decoding=\"async\" data-no-lazy=\"1\" class=\"portfolio-entry-img skip-lazy\" src=\"https:\/\/www.garciafaura.com\/wp-content\/uploads\/2018\/10\/Hotel-Smart-Room-Barcelona-11-600x314.jpg\" alt=\"Cerramientos De Aluminio Y Vidrio En C\u00e9ntrico Hotel De Barcelona\" data-no-retina width=\"600\" height=\"314\" \/><\/a><\/div><div class=\"portfolio-entry-details entry-details wpex-clr\"><h2 class=\"portfolio-entry-title entry-title\"><a href=\"https:\/\/www.garciafaura.com\/es\/portfolio-item\/hotel-smart-room-barcelona\/\" title=\"Hotel Smart Room Barcelona\">Hotel Smart Room Barcelona<\/a><\/h2><div class=\"portfolio-entry-categories entry-categories wpex-clr\"><a href=\"https:\/\/www.garciafaura.com\/es\/portfolio-category\/hoteles\/\" class=\"term-53\">Hoteles<\/a><\/div><\/div><\/div><\/div><div class=\"portfolio-entry vcex-grid-item entry-has-details span_1_of_3 col col-3 vcex-isotope-entry vcex-no-margin-entry post-17807 entry type-portfolio has-media cat-53 cat-54 translation_priority-6\"><div class=\"portfolio-entry-inner entry-inner wpex-clr\"><div class=\"portfolio-entry-media entry-media wpex-clr\"><a href=\"https:\/\/www.garciafaura.com\/wp-content\/uploads\/2018\/10\/ElNacional_02.jpg\" title=\"Restaurante El Nacional\" class=\"portfolio-entry-media-link wpex-lightbox-gallery\" data-gallery=\"[{&quot;src&quot;:&quot;https:\\\/\\\/www.garciafaura.com\\\/wp-content\\\/uploads\\\/2018\\\/10\\\/ElNacional_01.jpg&quot;,&quot;title&quot;:&quot;Fachada y cerramientos en aluminio y vidrio&quot;},{&quot;src&quot;:&quot;https:\\\/\\\/www.garciafaura.com\\\/wp-content\\\/uploads\\\/2018\\\/10\\\/ElNacional_08.jpg&quot;,&quot;title&quot;:&quot;Fachada y cerramientos en aluminio y vidrio&quot;},{&quot;src&quot;:&quot;https:\\\/\\\/www.garciafaura.com\\\/wp-content\\\/uploads\\\/2018\\\/10\\\/ElNacional_07.jpg&quot;,&quot;title&quot;:&quot;Fachada y cerramientos en aluminio y vidrio&quot;},{&quot;src&quot;:&quot;https:\\\/\\\/www.garciafaura.com\\\/wp-content\\\/uploads\\\/2018\\\/10\\\/ElNacional_06.jpg&quot;,&quot;title&quot;:&quot;Fachada y cerramientos en aluminio y vidrio&quot;},{&quot;src&quot;:&quot;https:\\\/\\\/www.garciafaura.com\\\/wp-content\\\/uploads\\\/2018\\\/10\\\/ElNacional_05.jpg&quot;,&quot;title&quot;:&quot;Fachada y cerramientos en aluminio y vidrio&quot;},{&quot;src&quot;:&quot;https:\\\/\\\/www.garciafaura.com\\\/wp-content\\\/uploads\\\/2018\\\/10\\\/ElNacional_04.jpg&quot;,&quot;title&quot;:&quot;Fachada y cerramientos en aluminio y vidrio&quot;},{&quot;src&quot;:&quot;https:\\\/\\\/www.garciafaura.com\\\/wp-content\\\/uploads\\\/2018\\\/10\\\/ElNacional_03.jpg&quot;,&quot;title&quot;:&quot;Fachada y cerramientos en aluminio y vidrio&quot;},{&quot;src&quot;:&quot;https:\\\/\\\/www.garciafaura.com\\\/wp-content\\\/uploads\\\/2018\\\/10\\\/ElNacional_02.jpg&quot;,&quot;title&quot;:&quot;Fachada y cerramientos en aluminio y vidrio&quot;}]\"><img loading=\"lazy\" decoding=\"async\" data-no-lazy=\"1\" class=\"portfolio-entry-img skip-lazy\" src=\"https:\/\/www.garciafaura.com\/wp-content\/uploads\/2018\/10\/ElNacional_02-600x314.jpg\" alt=\"Fachada Y Cerramientos En Aluminio Y Vidrio\" data-no-retina width=\"600\" height=\"314\" \/><\/a><\/div><div class=\"portfolio-entry-details entry-details wpex-clr\"><h2 class=\"portfolio-entry-title entry-title\"><a href=\"https:\/\/www.garciafaura.com\/es\/portfolio-item\/restaurante-el-nacional\/\" title=\"Restaurante El Nacional\">Restaurante El Nacional<\/a><\/h2><div class=\"portfolio-entry-categories entry-categories wpex-clr\"><a href=\"https:\/\/www.garciafaura.com\/es\/portfolio-category\/hoteles\/\" class=\"term-53\">Hoteles<\/a><\/div><\/div><\/div><\/div><div class=\"portfolio-entry vcex-grid-item entry-has-details span_1_of_3 col col-1 vcex-isotope-entry vcex-no-margin-entry post-17804 entry type-portfolio has-media cat-53 translation_priority-6\"><div class=\"portfolio-entry-inner entry-inner wpex-clr\"><div class=\"portfolio-entry-media entry-media wpex-clr\"><a href=\"https:\/\/www.garciafaura.com\/wp-content\/uploads\/2018\/10\/Hotel-Yurbann-Barcelona-06.jpg\" title=\"Hotel Yurbann Trafalgar\" class=\"portfolio-entry-media-link wpex-lightbox-gallery\" data-gallery=\"[{&quot;src&quot;:&quot;https:\\\/\\\/www.garciafaura.com\\\/wp-content\\\/uploads\\\/2018\\\/10\\\/Hotel-Yurbann-Barcelona-01.jpg&quot;,&quot;title&quot;:&quot;Cerramientos y fachada de hotes de 3 estrellas y 60 habitacions en el centro de Barcelona&quot;},{&quot;src&quot;:&quot;https:\\\/\\\/www.garciafaura.com\\\/wp-content\\\/uploads\\\/2018\\\/10\\\/Hotel-Yurbann-Barcelona-08.jpg&quot;,&quot;title&quot;:&quot;Cerramientos y fachada de hotes de 3 estrellas y 60 habitacions en el centro de Barcelona&quot;},{&quot;src&quot;:&quot;https:\\\/\\\/www.garciafaura.com\\\/wp-content\\\/uploads\\\/2018\\\/10\\\/Hotel-Yurbann-Barcelona-07.jpg&quot;,&quot;title&quot;:&quot;Cerramientos y fachada de hotes de 3 estrellas y 60 habitacions en el centro de Barcelona&quot;},{&quot;src&quot;:&quot;https:\\\/\\\/www.garciafaura.com\\\/wp-content\\\/uploads\\\/2018\\\/10\\\/Hotel-Yurbann-Barcelona-06.jpg&quot;,&quot;title&quot;:&quot;Cerramientos y fachada de hotes de 3 estrellas y 60 habitacions en el centro de Barcelona&quot;},{&quot;src&quot;:&quot;https:\\\/\\\/www.garciafaura.com\\\/wp-content\\\/uploads\\\/2018\\\/10\\\/Hotel-Yurbann-Barcelona-05.jpg&quot;,&quot;title&quot;:&quot;Cerramientos y fachada de hotes de 3 estrellas y 60 habitacions en el centro de Barcelona&quot;},{&quot;src&quot;:&quot;https:\\\/\\\/www.garciafaura.com\\\/wp-content\\\/uploads\\\/2018\\\/10\\\/Hotel-Yurbann-Barcelona-04.jpg&quot;,&quot;title&quot;:&quot;Cerramientos y fachada de hotes de 3 estrellas y 60 habitacions en el centro de Barcelona&quot;},{&quot;src&quot;:&quot;https:\\\/\\\/www.garciafaura.com\\\/wp-content\\\/uploads\\\/2018\\\/10\\\/Hotel-Yurbann-Barcelona-03.jpg&quot;,&quot;title&quot;:&quot;Cerramientos y fachada de hotes de 3 estrellas y 60 habitacions en el centro de Barcelona&quot;},{&quot;src&quot;:&quot;https:\\\/\\\/www.garciafaura.com\\\/wp-content\\\/uploads\\\/2018\\\/10\\\/Hotel-Yurbann-Barcelona-02.jpg&quot;,&quot;title&quot;:&quot;Cerramientos y fachada de hotes de 3 estrellas y 60 habitacions en el centro de Barcelona&quot;}]\"><img loading=\"lazy\" decoding=\"async\" data-no-lazy=\"1\" class=\"portfolio-entry-img skip-lazy\" src=\"https:\/\/www.garciafaura.com\/wp-content\/uploads\/2018\/10\/Hotel-Yurbann-Barcelona-06-600x314.jpg\" alt=\"Cerramientos Y Fachada De Hotes De 3 Estrellas Y 60 Habitacions En El Centro De Barcelona\" data-no-retina width=\"600\" height=\"314\" \/><\/a><\/div><div class=\"portfolio-entry-details entry-details wpex-clr\"><h2 class=\"portfolio-entry-title entry-title\"><a href=\"https:\/\/www.garciafaura.com\/es\/portfolio-item\/hotel-yurbann-trafalgar\/\" title=\"Hotel Yurbann Trafalgar\">Hotel Yurbann Trafalgar<\/a><\/h2><div class=\"portfolio-entry-categories entry-categories wpex-clr\"><a href=\"https:\/\/www.garciafaura.com\/es\/portfolio-category\/hoteles\/\" class=\"term-53\">Hoteles<\/a><\/div><\/div><\/div><\/div><div class=\"portfolio-entry vcex-grid-item entry-has-details span_1_of_3 col col-2 vcex-isotope-entry vcex-no-margin-entry post-17677 entry type-portfolio has-media cat-53 cat-54 cat-58 cat-59 translation_priority-6\"><div class=\"portfolio-entry-inner entry-inner wpex-clr\"><div class=\"portfolio-entry-media entry-media wpex-clr\"><a href=\"https:\/\/www.garciafaura.com\/wp-content\/uploads\/2018\/09\/Hotel-Iberostar-01.jpg\" title=\"Hotel Iberostar Plaza Catalunya\" class=\"portfolio-entry-media-link wpex-lightbox-gallery\" data-gallery=\"[{&quot;src&quot;:&quot;https:\\\/\\\/www.garciafaura.com\\\/wp-content\\\/uploads\\\/2018\\\/09\\\/Hotel-Iberostar-01.jpg&quot;,&quot;title&quot;:&quot;Cerramientos de acero en rehabilitaci\\u00f3n de edificio hist\\u00f3rico en Barcelona&quot;},{&quot;src&quot;:&quot;https:\\\/\\\/www.garciafaura.com\\\/wp-content\\\/uploads\\\/2018\\\/09\\\/Hotel-Iberostar-12.jpg&quot;,&quot;title&quot;:&quot;Cerramientos de acero en rehabilitaci\\u00f3n de edificio hist\\u00f3rico en Barcelona&quot;},{&quot;src&quot;:&quot;https:\\\/\\\/www.garciafaura.com\\\/wp-content\\\/uploads\\\/2018\\\/09\\\/Hotel-Iberostar-11.jpg&quot;,&quot;title&quot;:&quot;Cerramientos de acero en rehabilitaci\\u00f3n de edificio hist\\u00f3rico en Barcelona&quot;},{&quot;src&quot;:&quot;https:\\\/\\\/www.garciafaura.com\\\/wp-content\\\/uploads\\\/2018\\\/09\\\/Hotel-Iberostar-10.jpg&quot;,&quot;title&quot;:&quot;Cerramientos de acero en rehabilitaci\\u00f3n de edificio hist\\u00f3rico en Barcelona&quot;},{&quot;src&quot;:&quot;https:\\\/\\\/www.garciafaura.com\\\/wp-content\\\/uploads\\\/2018\\\/09\\\/Hotel-Iberostar-09.jpg&quot;,&quot;title&quot;:&quot;Cerramientos de acero en rehabilitaci\\u00f3n de edificio hist\\u00f3rico en Barcelona&quot;},{&quot;src&quot;:&quot;https:\\\/\\\/www.garciafaura.com\\\/wp-content\\\/uploads\\\/2018\\\/09\\\/Hotel-Iberostar-08.jpg&quot;,&quot;title&quot;:&quot;Cerramientos de acero en rehabilitaci\\u00f3n de edificio hist\\u00f3rico en Barcelona&quot;},{&quot;src&quot;:&quot;https:\\\/\\\/www.garciafaura.com\\\/wp-content\\\/uploads\\\/2018\\\/09\\\/Hotel-Iberostar-07.jpg&quot;,&quot;title&quot;:&quot;Cerramientos de acero en rehabilitaci\\u00f3n de edificio hist\\u00f3rico en Barcelona&quot;},{&quot;src&quot;:&quot;https:\\\/\\\/www.garciafaura.com\\\/wp-content\\\/uploads\\\/2018\\\/09\\\/Hotel-Iberostar-05.jpg&quot;,&quot;title&quot;:&quot;Cerramientos de acero en rehabilitaci\\u00f3n de edificio hist\\u00f3rico en Barcelona&quot;},{&quot;src&quot;:&quot;https:\\\/\\\/www.garciafaura.com\\\/wp-content\\\/uploads\\\/2018\\\/09\\\/Hotel-Iberostar-06.jpg&quot;,&quot;title&quot;:&quot;Cerramientos de acero en rehabilitaci\\u00f3n de edificio hist\\u00f3rico en Barcelona&quot;},{&quot;src&quot;:&quot;https:\\\/\\\/www.garciafaura.com\\\/wp-content\\\/uploads\\\/2018\\\/09\\\/Hotel-Iberostar-04.jpg&quot;,&quot;title&quot;:&quot;Cerramientos de acero en rehabilitaci\\u00f3n de edificio hist\\u00f3rico en Barcelona&quot;},{&quot;src&quot;:&quot;https:\\\/\\\/www.garciafaura.com\\\/wp-content\\\/uploads\\\/2018\\\/09\\\/Hotel-Iberostar-03.jpg&quot;,&quot;title&quot;:&quot;Cerramientos de acero en rehabilitaci\\u00f3n de edificio hist\\u00f3rico en Barcelona&quot;},{&quot;src&quot;:&quot;https:\\\/\\\/www.garciafaura.com\\\/wp-content\\\/uploads\\\/2018\\\/09\\\/Hotel-Iberostar-02.jpg&quot;,&quot;title&quot;:&quot;Cerramientos de acero en rehabilitaci\\u00f3n de edificio hist\\u00f3rico en Barcelona&quot;}]\"><img loading=\"lazy\" decoding=\"async\" data-no-lazy=\"1\" class=\"portfolio-entry-img skip-lazy\" src=\"https:\/\/www.garciafaura.com\/wp-content\/uploads\/2018\/09\/Hotel-Iberostar-01-600x314.jpg\" alt=\"Cerramientos De Acero En Rehabilitaci\u00f3n De Edificio Hist\u00f3rico En Barcelona\" data-no-retina width=\"600\" height=\"314\" \/><\/a><\/div><div class=\"portfolio-entry-details entry-details wpex-clr\"><h2 class=\"portfolio-entry-title entry-title\"><a href=\"https:\/\/www.garciafaura.com\/es\/portfolio-item\/hotel-iberostar-plaza-catalunya\/\" title=\"Hotel Iberostar Plaza Catalunya\">Hotel Iberostar Plaza Catalunya<\/a><\/h2><div class=\"portfolio-entry-categories entry-categories wpex-clr\"><a href=\"https:\/\/www.garciafaura.com\/es\/portfolio-category\/hoteles\/\" class=\"term-53\">Hoteles<\/a><\/div><\/div><\/div><\/div><div class=\"portfolio-entry vcex-grid-item entry-has-details span_1_of_3 col col-3 vcex-isotope-entry vcex-no-margin-entry post-17653 entry type-portfolio has-media cat-53 cat-54 cat-58 translation_priority-6\"><div class=\"portfolio-entry-inner entry-inner wpex-clr\"><div class=\"portfolio-entry-media entry-media wpex-clr\"><a href=\"https:\/\/www.garciafaura.com\/wp-content\/uploads\/2018\/09\/Hotel-Tryp-Apolo-09.jpg\" title=\"Hotel Tryp Apolo\" class=\"portfolio-entry-media-link wpex-lightbox-gallery\" data-gallery=\"[{&quot;src&quot;:&quot;https:\\\/\\\/www.garciafaura.com\\\/wp-content\\\/uploads\\\/2018\\\/09\\\/Hotel-Tryp-Apolo-09.jpg&quot;,&quot;title&quot;:&quot;Cerramientos para la reforma del Hotel Tryp Apolo de Barcelona.&quot;},{&quot;src&quot;:&quot;https:\\\/\\\/www.garciafaura.com\\\/wp-content\\\/uploads\\\/2018\\\/09\\\/Hotel-Tryp-Apolo-01.jpg&quot;,&quot;title&quot;:&quot;Cerramientos para la reforma del Hotel Tryp Apolo de Barcelona.&quot;},{&quot;src&quot;:&quot;https:\\\/\\\/www.garciafaura.com\\\/wp-content\\\/uploads\\\/2018\\\/09\\\/Hotel-Tryp-Apolo-10.jpg&quot;,&quot;title&quot;:&quot;Cerramientos para la reforma del Hotel Tryp Apolo de Barcelona.&quot;},{&quot;src&quot;:&quot;https:\\\/\\\/www.garciafaura.com\\\/wp-content\\\/uploads\\\/2018\\\/09\\\/Hotel-Tryp-Apolo-08.jpg&quot;,&quot;title&quot;:&quot;Cerramientos para la reforma del Hotel Tryp Apolo de Barcelona.&quot;},{&quot;src&quot;:&quot;https:\\\/\\\/www.garciafaura.com\\\/wp-content\\\/uploads\\\/2018\\\/09\\\/Hotel-Tryp-Apolo-07.jpg&quot;,&quot;title&quot;:&quot;Cerramientos para la reforma del Hotel Tryp Apolo de Barcelona.&quot;},{&quot;src&quot;:&quot;https:\\\/\\\/www.garciafaura.com\\\/wp-content\\\/uploads\\\/2018\\\/09\\\/Hotel-Tryp-Apolo-06.jpg&quot;,&quot;title&quot;:&quot;Cerramientos para la reforma del Hotel Tryp Apolo de Barcelona.&quot;},{&quot;src&quot;:&quot;https:\\\/\\\/www.garciafaura.com\\\/wp-content\\\/uploads\\\/2018\\\/09\\\/Hotel-Tryp-Apolo-05.jpg&quot;,&quot;title&quot;:&quot;Cerramientos para la reforma del Hotel Tryp Apolo de Barcelona.&quot;},{&quot;src&quot;:&quot;https:\\\/\\\/www.garciafaura.com\\\/wp-content\\\/uploads\\\/2018\\\/09\\\/Hotel-Tryp-Apolo-04.jpg&quot;,&quot;title&quot;:&quot;Cerramientos para la reforma del Hotel Tryp Apolo de Barcelona.&quot;},{&quot;src&quot;:&quot;https:\\\/\\\/www.garciafaura.com\\\/wp-content\\\/uploads\\\/2018\\\/09\\\/Hotel-Tryp-Apolo-03.jpg&quot;,&quot;title&quot;:&quot;Cerramientos para la reforma del Hotel Tryp Apolo de Barcelona.&quot;},{&quot;src&quot;:&quot;https:\\\/\\\/www.garciafaura.com\\\/wp-content\\\/uploads\\\/2018\\\/09\\\/Hotel-Tryp-Apolo-02.jpg&quot;,&quot;title&quot;:&quot;Cerramientos para la reforma del Hotel Tryp Apolo de Barcelona.&quot;}]\"><img loading=\"lazy\" decoding=\"async\" data-no-lazy=\"1\" class=\"portfolio-entry-img skip-lazy\" src=\"https:\/\/www.garciafaura.com\/wp-content\/uploads\/2018\/09\/Hotel-Tryp-Apolo-09-600x314.jpg\" alt=\"Cerramientos Para La Reforma Del Hotel Tryp Apolo De Barcelona.\" data-no-retina width=\"600\" height=\"314\" \/><\/a><\/div><div class=\"portfolio-entry-details entry-details wpex-clr\"><h2 class=\"portfolio-entry-title entry-title\"><a href=\"https:\/\/www.garciafaura.com\/es\/portfolio-item\/hotel-tryp-apolo\/\" title=\"Hotel Tryp Apolo\">Hotel Tryp Apolo<\/a><\/h2><div class=\"portfolio-entry-categories entry-categories wpex-clr\"><a href=\"https:\/\/www.garciafaura.com\/es\/portfolio-category\/hoteles\/\" class=\"term-53\">Hoteles<\/a><\/div><\/div><\/div><\/div><div class=\"portfolio-entry vcex-grid-item entry-has-details span_1_of_3 col col-1 vcex-isotope-entry vcex-no-margin-entry post-17650 entry type-portfolio has-media cat-51 cat-53 translation_priority-6\"><div class=\"portfolio-entry-inner entry-inner wpex-clr\"><div class=\"portfolio-entry-media entry-media wpex-clr\"><a href=\"https:\/\/www.garciafaura.com\/wp-content\/uploads\/2018\/09\/Hotel-BCN-Events-03.jpg\" title=\"Hotel BCN Events\" class=\"portfolio-entry-media-link wpex-lightbox-gallery\" data-gallery=\"[{&quot;src&quot;:&quot;https:\\\/\\\/www.garciafaura.com\\\/wp-content\\\/uploads\\\/2018\\\/09\\\/Hotel-BCN-Events-03.jpg&quot;,&quot;title&quot;:&quot;Conjunto de fachadas de vidrio de este establecimiento hotelero de Castelldefels&quot;},{&quot;src&quot;:&quot;https:\\\/\\\/www.garciafaura.com\\\/wp-content\\\/uploads\\\/2018\\\/09\\\/Hotel-BCN-Events-01.jpg&quot;,&quot;title&quot;:&quot;Conjunto de fachadas de vidrio de este establecimiento hotelero de Castelldefels&quot;},{&quot;src&quot;:&quot;https:\\\/\\\/www.garciafaura.com\\\/wp-content\\\/uploads\\\/2018\\\/09\\\/Hotel-BCN-Events-04.jpg&quot;,&quot;title&quot;:&quot;Conjunto de fachadas de vidrio de este establecimiento hotelero de Castelldefels&quot;},{&quot;src&quot;:&quot;https:\\\/\\\/www.garciafaura.com\\\/wp-content\\\/uploads\\\/2018\\\/09\\\/Hotel-BCN-Events-02.jpg&quot;,&quot;title&quot;:&quot;Conjunto de fachadas de vidrio de este establecimiento hotelero de Castelldefels&quot;}]\"><img decoding=\"async\" data-no-lazy=\"1\" class=\"portfolio-entry-img skip-lazy\" src=\"https:\/\/www.garciafaura.com\/wp-content\/uploads\/2018\/09\/Hotel-BCN-Events-03-x.jpg\" alt=\"Conjunto De Fachadas De Vidrio De Este Establecimiento Hotelero De Castelldefels\" data-no-retina \/><\/a><\/div><div class=\"portfolio-entry-details entry-details wpex-clr\"><h2 class=\"portfolio-entry-title entry-title\"><a href=\"https:\/\/www.garciafaura.com\/es\/portfolio-item\/hotel-bcn-events\/\" title=\"Hotel BCN Events\">Hotel BCN Events<\/a><\/h2><div class=\"portfolio-entry-categories entry-categories wpex-clr\"><a href=\"https:\/\/www.garciafaura.com\/es\/portfolio-category\/fachadas\/\" class=\"term-51\">Fachadas<\/a><\/div><\/div><\/div><\/div><\/div><\/div>[\/vc_column][\/vc_row]\n<\/div>","protected":false},"excerpt":{"rendered":"<p>[vc_row full_width=\u00bbstretch_row\u00bb wpex_bg_overlay=\u00bbcolor\u00bb wpex_bg_overlay_color=\u00bb#d9d9d9&#8243; wpex_bg_overlay_opacity=\u00bb0.85&#8243;][vc_column][vc_column_text] La larga trayectoria de GARCIA FAURA al frente del sector hotelero confiere a la empresa una experiencia t\u00e9cnica de primer nivel en el sector. Ya sean de nueva construcci\u00f3n o rehabilitaci\u00f3n, las fachadas y cerramientos&hellip;<\/p>\n","protected":false},"author":3,"featured_media":0,"parent":0,"menu_order":0,"comment_status":"closed","ping_status":"closed","template":"","meta":{"footnotes":""},"class_list":["post-17231","page","type-page","status-publish","hentry","entry","no-media"],"yoast_head":"<!-- This site is optimized with the Yoast SEO plugin v26.7 - https:\/\/yoast.com\/wordpress\/plugins\/seo\/ -->\n<title>Hoteles ejecutados por GARCIA FAURA - GARCIA FAURA<\/title>\n<meta name=\"description\" content=\"Arquitectura en Alumini, Inox, Ferro i Vidre\" \/>\n<meta name=\"robots\" content=\"index, follow, max-snippet:-1, max-image-preview:large, max-video-preview:-1\" \/>\n<link rel=\"canonical\" href=\"https:\/\/www.garciafaura.com\/es\/hoteles-ejecutados-por-garcia-faura\/\" \/>\n<meta property=\"og:locale\" content=\"es_ES\" \/>\n<meta property=\"og:type\" content=\"article\" \/>\n<meta property=\"og:title\" content=\"Hoteles ejecutados por GARCIA FAURA - GARCIA FAURA\" \/>\n<meta property=\"og:description\" content=\"Arquitectura en Alumini, Inox, Ferro i Vidre\" \/>\n<meta property=\"og:url\" content=\"https:\/\/www.garciafaura.com\/es\/hoteles-ejecutados-por-garcia-faura\/\" \/>\n<meta property=\"og:site_name\" content=\"GARCIA FAURA\" \/>\n<meta property=\"article:modified_time\" content=\"2021-08-03T06:59:07+00:00\" \/>\n<meta name=\"twitter:card\" content=\"summary_large_image\" \/>\n<meta name=\"twitter:label1\" content=\"Tiempo de lectura\" \/>\n\t<meta name=\"twitter:data1\" content=\"1 minuto\" \/>\n<script type=\"application\/ld+json\" class=\"yoast-schema-graph\">{\"@context\":\"https:\/\/schema.org\",\"@graph\":[{\"@type\":\"WebPage\",\"@id\":\"https:\/\/www.garciafaura.com\/es\/hoteles-ejecutados-por-garcia-faura\/\",\"url\":\"https:\/\/www.garciafaura.com\/es\/hoteles-ejecutados-por-garcia-faura\/\",\"name\":\"Hoteles ejecutados por GARCIA FAURA - GARCIA FAURA\",\"isPartOf\":{\"@id\":\"https:\/\/www.garciafaura.com\/fr\/#website\"},\"datePublished\":\"2019-02-21T18:25:23+00:00\",\"dateModified\":\"2021-08-03T06:59:07+00:00\",\"description\":\"Arquitectura en Alumini, Inox, Ferro i Vidre\",\"breadcrumb\":{\"@id\":\"https:\/\/www.garciafaura.com\/es\/hoteles-ejecutados-por-garcia-faura\/#breadcrumb\"},\"inLanguage\":\"es\",\"potentialAction\":[{\"@type\":\"ReadAction\",\"target\":[\"https:\/\/www.garciafaura.com\/es\/hoteles-ejecutados-por-garcia-faura\/\"]}]},{\"@type\":\"BreadcrumbList\",\"@id\":\"https:\/\/www.garciafaura.com\/es\/hoteles-ejecutados-por-garcia-faura\/#breadcrumb\",\"itemListElement\":[{\"@type\":\"ListItem\",\"position\":1,\"name\":\"Inici\",\"item\":\"https:\/\/www.garciafaura.com\/es\/\"},{\"@type\":\"ListItem\",\"position\":2,\"name\":\"Hoteles ejecutados por GARCIA FAURA\"}]},{\"@type\":\"WebSite\",\"@id\":\"https:\/\/www.garciafaura.com\/fr\/#website\",\"url\":\"https:\/\/www.garciafaura.com\/fr\/\",\"name\":\"GARCIA FAURA\",\"description\":\"Arquitectura en Alumini, Inox, Ferro i Vidre\",\"publisher\":{\"@id\":\"https:\/\/www.garciafaura.com\/fr\/#organization\"},\"potentialAction\":[{\"@type\":\"SearchAction\",\"target\":{\"@type\":\"EntryPoint\",\"urlTemplate\":\"https:\/\/www.garciafaura.com\/fr\/?s={search_term_string}\"},\"query-input\":{\"@type\":\"PropertyValueSpecification\",\"valueRequired\":true,\"valueName\":\"search_term_string\"}}],\"inLanguage\":\"es\"},{\"@type\":\"Organization\",\"@id\":\"https:\/\/www.garciafaura.com\/fr\/#organization\",\"name\":\"GARCIA FAURA\",\"url\":\"https:\/\/www.garciafaura.com\/fr\/\",\"logo\":{\"@type\":\"ImageObject\",\"inLanguage\":\"es\",\"@id\":\"https:\/\/www.garciafaura.com\/fr\/#\/schema\/logo\/image\/\",\"url\":\"https:\/\/www.garciafaura.com\/wp-content\/uploads\/2018\/09\/Garcia-Faura.png\",\"contentUrl\":\"https:\/\/www.garciafaura.com\/wp-content\/uploads\/2018\/09\/Garcia-Faura.png\",\"width\":512,\"height\":512,\"caption\":\"GARCIA FAURA\"},\"image\":{\"@id\":\"https:\/\/www.garciafaura.com\/fr\/#\/schema\/logo\/image\/\"},\"sameAs\":[\"https:\/\/www.youtube.com\/user\/GARCIAFAURA\"]}]}<\/script>\n<!-- \/ Yoast SEO plugin. -->","yoast_head_json":{"title":"Hoteles ejecutados por GARCIA FAURA - GARCIA FAURA","description":"Arquitectura en Alumini, Inox, Ferro i Vidre","robots":{"index":"index","follow":"follow","max-snippet":"max-snippet:-1","max-image-preview":"max-image-preview:large","max-video-preview":"max-video-preview:-1"},"canonical":"https:\/\/www.garciafaura.com\/es\/hoteles-ejecutados-por-garcia-faura\/","og_locale":"es_ES","og_type":"article","og_title":"Hoteles ejecutados por GARCIA FAURA - GARCIA FAURA","og_description":"Arquitectura en Alumini, Inox, Ferro i Vidre","og_url":"https:\/\/www.garciafaura.com\/es\/hoteles-ejecutados-por-garcia-faura\/","og_site_name":"GARCIA FAURA","article_modified_time":"2021-08-03T06:59:07+00:00","twitter_card":"summary_large_image","twitter_misc":{"Tiempo de lectura":"1 minuto"},"schema":{"@context":"https:\/\/schema.org","@graph":[{"@type":"WebPage","@id":"https:\/\/www.garciafaura.com\/es\/hoteles-ejecutados-por-garcia-faura\/","url":"https:\/\/www.garciafaura.com\/es\/hoteles-ejecutados-por-garcia-faura\/","name":"Hoteles ejecutados por GARCIA FAURA - GARCIA FAURA","isPartOf":{"@id":"https:\/\/www.garciafaura.com\/fr\/#website"},"datePublished":"2019-02-21T18:25:23+00:00","dateModified":"2021-08-03T06:59:07+00:00","description":"Arquitectura en Alumini, Inox, Ferro i Vidre","breadcrumb":{"@id":"https:\/\/www.garciafaura.com\/es\/hoteles-ejecutados-por-garcia-faura\/#breadcrumb"},"inLanguage":"es","potentialAction":[{"@type":"ReadAction","target":["https:\/\/www.garciafaura.com\/es\/hoteles-ejecutados-por-garcia-faura\/"]}]},{"@type":"BreadcrumbList","@id":"https:\/\/www.garciafaura.com\/es\/hoteles-ejecutados-por-garcia-faura\/#breadcrumb","itemListElement":[{"@type":"ListItem","position":1,"name":"Inici","item":"https:\/\/www.garciafaura.com\/es\/"},{"@type":"ListItem","position":2,"name":"Hoteles ejecutados por GARCIA FAURA"}]},{"@type":"WebSite","@id":"https:\/\/www.garciafaura.com\/fr\/#website","url":"https:\/\/www.garciafaura.com\/fr\/","name":"GARCIA FAURA","description":"Arquitectura en Alumini, Inox, Ferro i Vidre","publisher":{"@id":"https:\/\/www.garciafaura.com\/fr\/#organization"},"potentialAction":[{"@type":"SearchAction","target":{"@type":"EntryPoint","urlTemplate":"https:\/\/www.garciafaura.com\/fr\/?s={search_term_string}"},"query-input":{"@type":"PropertyValueSpecification","valueRequired":true,"valueName":"search_term_string"}}],"inLanguage":"es"},{"@type":"Organization","@id":"https:\/\/www.garciafaura.com\/fr\/#organization","name":"GARCIA FAURA","url":"https:\/\/www.garciafaura.com\/fr\/","logo":{"@type":"ImageObject","inLanguage":"es","@id":"https:\/\/www.garciafaura.com\/fr\/#\/schema\/logo\/image\/","url":"https:\/\/www.garciafaura.com\/wp-content\/uploads\/2018\/09\/Garcia-Faura.png","contentUrl":"https:\/\/www.garciafaura.com\/wp-content\/uploads\/2018\/09\/Garcia-Faura.png","width":512,"height":512,"caption":"GARCIA FAURA"},"image":{"@id":"https:\/\/www.garciafaura.com\/fr\/#\/schema\/logo\/image\/"},"sameAs":["https:\/\/www.youtube.com\/user\/GARCIAFAURA"]}]}},"_links":{"self":[{"href":"https:\/\/www.garciafaura.com\/es\/wp-json\/wp\/v2\/pages\/17231","targetHints":{"allow":["GET"]}}],"collection":[{"href":"https:\/\/www.garciafaura.com\/es\/wp-json\/wp\/v2\/pages"}],"about":[{"href":"https:\/\/www.garciafaura.com\/es\/wp-json\/wp\/v2\/types\/page"}],"author":[{"embeddable":true,"href":"https:\/\/www.garciafaura.com\/es\/wp-json\/wp\/v2\/users\/3"}],"replies":[{"embeddable":true,"href":"https:\/\/www.garciafaura.com\/es\/wp-json\/wp\/v2\/comments?post=17231"}],"version-history":[{"count":6,"href":"https:\/\/www.garciafaura.com\/es\/wp-json\/wp\/v2\/pages\/17231\/revisions"}],"predecessor-version":[{"id":27925,"href":"https:\/\/www.garciafaura.com\/es\/wp-json\/wp\/v2\/pages\/17231\/revisions\/27925"}],"wp:attachment":[{"href":"https:\/\/www.garciafaura.com\/es\/wp-json\/wp\/v2\/media?parent=17231"}],"curies":[{"name":"wp","href":"https:\/\/api.w.org\/{rel}","templated":true}]}}