{"id":17227,"date":"2019-02-21T18:22:44","date_gmt":"2019-02-21T18:22:44","guid":{"rendered":"https:\/\/www.garciafaura.com\/fachadas-ejecutadas-por-garcia-faura\/"},"modified":"2021-08-02T12:14:35","modified_gmt":"2021-08-02T10:14:35","slug":"fachadas-ejecutadas-por-garcia-faura","status":"publish","type":"page","link":"https:\/\/www.garciafaura.com\/es\/fachadas-ejecutadas-por-garcia-faura\/","title":{"rendered":"Fachadas ejecutadas por GARCIA FAURA"},"content":{"rendered":"<div class=\"wpb-content-wrapper\">[vc_row full_width=\u00bbstretch_row\u00bb wpex_bg_overlay=\u00bbcolor\u00bb wpex_bg_overlay_color=\u00bb#d9d9d9&#8243; wpex_bg_overlay_opacity=\u00bb0.85&#8243;][vc_column]<div class=\"vcex-spacing\" style=\"height:30px\"><\/div>[vc_column_text]\n<div class=\"\">\n<div class=\"\"><span style=\"font-family: 'Open Sans'; font-size: 18px;\"><strong>GARCIA FAURA<\/strong> es la empresa de referencia en el desarrollo de fachadas. Sistemas modulares, muros cortina y revestimientos met\u00e1licos al servicio de la est\u00e9tica exterior de cualquier edificaci\u00f3n. Altas prestaciones t\u00e9cnicas, aprovechamiento de la luz natural, aislamiento t\u00e9rmico y ac\u00fastico. Porque el exterior siempre debe ser un fiel reflejo del interior.<\/span><\/div>\n<\/div>\n[\/vc_column_text][\/vc_column][\/vc_row][vc_row][vc_column width=\u00bb1\/2&#8243;][\/vc_column][vc_column width=\u00bb1\/2&#8243;]<div class=\"vcex-spacing\" style=\"height:30px\"><\/div><div class=\"vcex-module vcex-searchbar clr\"><form method=\"get\" class=\"vcex-searchbar-form\" action=\"https:\/\/www.garciafaura.com\/es\/\"><input type=\"search\" class=\"vcex-searchbar-input \" name=\"s\" placeholder=\"B\u00fasqueda\" \/><input type=\"hidden\" name=\"post_type\" value=\"portfolio\"><input type=\"hidden\" name=\"lang\" value=\"ca\"><button class=\"vcex-searchbar-button\" style=\"background:#d7515e;font-weight:200;\">B\u00fasqueda de proyectos<\/button><\/form><\/div>[\/vc_column][\/vc_row][vc_row full_width=\u00bbstretch_row\u00bb][vc_column]<div class=\"vcex-module vcex-portfolio-grid-wrap wpex-clr\"><div class=\"wpex-row vcex-portfolio-grid wpex-clr entries gap-60 match-height-grid vcex-isotope-grid vcex-no-margin-grid\" data-show_title=\"false\"><div class=\"portfolio-entry vcex-grid-item entry-has-details span_1_of_3 col col-1 vcex-isotope-entry vcex-no-margin-entry post-35246 entry type-portfolio has-media cat-46 cat-47 cat-51 cat-52 translation_priority-6\"><div class=\"portfolio-entry-inner entry-inner wpex-clr\"><div class=\"portfolio-entry-media entry-media wpex-clr\"><a href=\"https:\/\/www.garciafaura.com\/wp-content\/uploads\/2024\/02\/Torre-Antares-01.jpg\" title=\"Torre Antares\" class=\"portfolio-entry-media-link wpex-lightbox-gallery\" data-gallery=\"[{&quot;src&quot;:&quot;https:\\\/\\\/www.garciafaura.com\\\/wp-content\\\/uploads\\\/2024\\\/02\\\/Torre-Antares-01.jpg&quot;},{&quot;src&quot;:&quot;https:\\\/\\\/www.garciafaura.com\\\/wp-content\\\/uploads\\\/2024\\\/02\\\/Torre-Antares-55.jpg&quot;},{&quot;src&quot;:&quot;https:\\\/\\\/www.garciafaura.com\\\/wp-content\\\/uploads\\\/2024\\\/02\\\/Torre-Antares-54.jpg&quot;},{&quot;src&quot;:&quot;https:\\\/\\\/www.garciafaura.com\\\/wp-content\\\/uploads\\\/2024\\\/02\\\/Torre-Antares-53.jpg&quot;},{&quot;src&quot;:&quot;https:\\\/\\\/www.garciafaura.com\\\/wp-content\\\/uploads\\\/2024\\\/02\\\/Torre-Antares-52.jpg&quot;},{&quot;src&quot;:&quot;https:\\\/\\\/www.garciafaura.com\\\/wp-content\\\/uploads\\\/2024\\\/02\\\/Torre-Antares-51.jpg&quot;},{&quot;src&quot;:&quot;https:\\\/\\\/www.garciafaura.com\\\/wp-content\\\/uploads\\\/2024\\\/02\\\/Torre-Antares-50.jpg&quot;},{&quot;src&quot;:&quot;https:\\\/\\\/www.garciafaura.com\\\/wp-content\\\/uploads\\\/2024\\\/02\\\/Torre-Antares-49.jpg&quot;},{&quot;src&quot;:&quot;https:\\\/\\\/www.garciafaura.com\\\/wp-content\\\/uploads\\\/2024\\\/02\\\/Torre-Antares-48.jpg&quot;},{&quot;src&quot;:&quot;https:\\\/\\\/www.garciafaura.com\\\/wp-content\\\/uploads\\\/2024\\\/02\\\/Torre-Antares-47.jpg&quot;},{&quot;src&quot;:&quot;https:\\\/\\\/www.garciafaura.com\\\/wp-content\\\/uploads\\\/2024\\\/02\\\/Torre-Antares-46.jpg&quot;},{&quot;src&quot;:&quot;https:\\\/\\\/www.garciafaura.com\\\/wp-content\\\/uploads\\\/2024\\\/02\\\/Torre-Antares-45.jpg&quot;},{&quot;src&quot;:&quot;https:\\\/\\\/www.garciafaura.com\\\/wp-content\\\/uploads\\\/2024\\\/02\\\/Torre-Antares-44.jpg&quot;},{&quot;src&quot;:&quot;https:\\\/\\\/www.garciafaura.com\\\/wp-content\\\/uploads\\\/2024\\\/02\\\/Torre-Antares-43.jpg&quot;},{&quot;src&quot;:&quot;https:\\\/\\\/www.garciafaura.com\\\/wp-content\\\/uploads\\\/2024\\\/02\\\/Torre-Antares-42.jpg&quot;},{&quot;src&quot;:&quot;https:\\\/\\\/www.garciafaura.com\\\/wp-content\\\/uploads\\\/2024\\\/02\\\/Torre-Antares-41.jpg&quot;},{&quot;src&quot;:&quot;https:\\\/\\\/www.garciafaura.com\\\/wp-content\\\/uploads\\\/2024\\\/02\\\/Torre-Antares-40.jpg&quot;},{&quot;src&quot;:&quot;https:\\\/\\\/www.garciafaura.com\\\/wp-content\\\/uploads\\\/2024\\\/02\\\/Torre-Antares-39.jpg&quot;},{&quot;src&quot;:&quot;https:\\\/\\\/www.garciafaura.com\\\/wp-content\\\/uploads\\\/2024\\\/02\\\/Torre-Antares-38.jpg&quot;},{&quot;src&quot;:&quot;https:\\\/\\\/www.garciafaura.com\\\/wp-content\\\/uploads\\\/2024\\\/02\\\/Torre-Antares-37.jpg&quot;},{&quot;src&quot;:&quot;https:\\\/\\\/www.garciafaura.com\\\/wp-content\\\/uploads\\\/2024\\\/02\\\/Torre-Antares-36.jpg&quot;},{&quot;src&quot;:&quot;https:\\\/\\\/www.garciafaura.com\\\/wp-content\\\/uploads\\\/2024\\\/02\\\/Torre-Antares-35.jpg&quot;},{&quot;src&quot;:&quot;https:\\\/\\\/www.garciafaura.com\\\/wp-content\\\/uploads\\\/2024\\\/02\\\/Torre-Antares-34.jpg&quot;},{&quot;src&quot;:&quot;https:\\\/\\\/www.garciafaura.com\\\/wp-content\\\/uploads\\\/2024\\\/02\\\/Torre-Antares-33.jpg&quot;},{&quot;src&quot;:&quot;https:\\\/\\\/www.garciafaura.com\\\/wp-content\\\/uploads\\\/2024\\\/02\\\/Torre-Antares-32.jpg&quot;},{&quot;src&quot;:&quot;https:\\\/\\\/www.garciafaura.com\\\/wp-content\\\/uploads\\\/2024\\\/02\\\/Torre-Antares-31.jpg&quot;},{&quot;src&quot;:&quot;https:\\\/\\\/www.garciafaura.com\\\/wp-content\\\/uploads\\\/2024\\\/02\\\/Torre-Antares-30.jpg&quot;},{&quot;src&quot;:&quot;https:\\\/\\\/www.garciafaura.com\\\/wp-content\\\/uploads\\\/2024\\\/02\\\/Torre-Antares-29.jpg&quot;},{&quot;src&quot;:&quot;https:\\\/\\\/www.garciafaura.com\\\/wp-content\\\/uploads\\\/2024\\\/02\\\/Torre-Antares-28.jpg&quot;},{&quot;src&quot;:&quot;https:\\\/\\\/www.garciafaura.com\\\/wp-content\\\/uploads\\\/2024\\\/02\\\/Torre-Antares-27.jpg&quot;},{&quot;src&quot;:&quot;https:\\\/\\\/www.garciafaura.com\\\/wp-content\\\/uploads\\\/2024\\\/02\\\/Torre-Antares-26.jpg&quot;},{&quot;src&quot;:&quot;https:\\\/\\\/www.garciafaura.com\\\/wp-content\\\/uploads\\\/2024\\\/02\\\/Torre-Antares-25.jpg&quot;},{&quot;src&quot;:&quot;https:\\\/\\\/www.garciafaura.com\\\/wp-content\\\/uploads\\\/2024\\\/02\\\/Torre-Antares-24.jpg&quot;},{&quot;src&quot;:&quot;https:\\\/\\\/www.garciafaura.com\\\/wp-content\\\/uploads\\\/2024\\\/02\\\/Torre-Antares-23.jpg&quot;},{&quot;src&quot;:&quot;https:\\\/\\\/www.garciafaura.com\\\/wp-content\\\/uploads\\\/2024\\\/02\\\/Torre-Antares-22.jpg&quot;},{&quot;src&quot;:&quot;https:\\\/\\\/www.garciafaura.com\\\/wp-content\\\/uploads\\\/2024\\\/02\\\/Torre-Antares-21.jpg&quot;},{&quot;src&quot;:&quot;https:\\\/\\\/www.garciafaura.com\\\/wp-content\\\/uploads\\\/2024\\\/02\\\/Torre-Antares-20.jpg&quot;},{&quot;src&quot;:&quot;https:\\\/\\\/www.garciafaura.com\\\/wp-content\\\/uploads\\\/2024\\\/02\\\/Torre-Antares-19.jpg&quot;},{&quot;src&quot;:&quot;https:\\\/\\\/www.garciafaura.com\\\/wp-content\\\/uploads\\\/2024\\\/02\\\/Torre-Antares-18.jpg&quot;},{&quot;src&quot;:&quot;https:\\\/\\\/www.garciafaura.com\\\/wp-content\\\/uploads\\\/2024\\\/02\\\/Torre-Antares-17.jpg&quot;},{&quot;src&quot;:&quot;https:\\\/\\\/www.garciafaura.com\\\/wp-content\\\/uploads\\\/2024\\\/02\\\/Torre-Antares-16.jpg&quot;},{&quot;src&quot;:&quot;https:\\\/\\\/www.garciafaura.com\\\/wp-content\\\/uploads\\\/2024\\\/02\\\/Torre-Antares-15.jpg&quot;},{&quot;src&quot;:&quot;https:\\\/\\\/www.garciafaura.com\\\/wp-content\\\/uploads\\\/2024\\\/02\\\/Torre-Antares-14.jpg&quot;},{&quot;src&quot;:&quot;https:\\\/\\\/www.garciafaura.com\\\/wp-content\\\/uploads\\\/2024\\\/02\\\/Torre-Antares-13.jpg&quot;},{&quot;src&quot;:&quot;https:\\\/\\\/www.garciafaura.com\\\/wp-content\\\/uploads\\\/2024\\\/02\\\/Torre-Antares-12.jpg&quot;},{&quot;src&quot;:&quot;https:\\\/\\\/www.garciafaura.com\\\/wp-content\\\/uploads\\\/2024\\\/02\\\/Torre-Antares-11.jpg&quot;},{&quot;src&quot;:&quot;https:\\\/\\\/www.garciafaura.com\\\/wp-content\\\/uploads\\\/2024\\\/02\\\/Torre-Antares-10.jpg&quot;},{&quot;src&quot;:&quot;https:\\\/\\\/www.garciafaura.com\\\/wp-content\\\/uploads\\\/2024\\\/02\\\/Torre-Antares-09.jpg&quot;},{&quot;src&quot;:&quot;https:\\\/\\\/www.garciafaura.com\\\/wp-content\\\/uploads\\\/2024\\\/02\\\/Torre-Antares-08.jpg&quot;},{&quot;src&quot;:&quot;https:\\\/\\\/www.garciafaura.com\\\/wp-content\\\/uploads\\\/2024\\\/02\\\/Torre-Antares-07.jpg&quot;},{&quot;src&quot;:&quot;https:\\\/\\\/www.garciafaura.com\\\/wp-content\\\/uploads\\\/2024\\\/02\\\/Torre-Antares-06.jpg&quot;},{&quot;src&quot;:&quot;https:\\\/\\\/www.garciafaura.com\\\/wp-content\\\/uploads\\\/2024\\\/02\\\/Torre-Antares-05.jpg&quot;},{&quot;src&quot;:&quot;https:\\\/\\\/www.garciafaura.com\\\/wp-content\\\/uploads\\\/2024\\\/02\\\/Torre-Antares-04.jpg&quot;},{&quot;src&quot;:&quot;https:\\\/\\\/www.garciafaura.com\\\/wp-content\\\/uploads\\\/2024\\\/02\\\/Torre-Antares-03.jpg&quot;},{&quot;src&quot;:&quot;https:\\\/\\\/www.garciafaura.com\\\/wp-content\\\/uploads\\\/2024\\\/02\\\/Torre-Antares-02.jpg&quot;}]\"><img loading=\"lazy\" decoding=\"async\" data-no-lazy=\"1\" class=\"portfolio-entry-img skip-lazy\" src=\"https:\/\/www.garciafaura.com\/wp-content\/uploads\/2024\/02\/Torre-Antares-01-600x314.jpg\" alt='' data-no-retina width=\"600\" height=\"314\" \/><\/a><\/div><div class=\"portfolio-entry-details entry-details wpex-clr\"><div class=\"match-height-content\"><h2 class=\"portfolio-entry-title entry-title\"><a href=\"https:\/\/www.garciafaura.com\/es\/portfolio-item\/torre-antares\/\" title=\"Torre Antares\">Torre Antares<\/a><\/h2><div class=\"portfolio-entry-categories entry-categories wpex-clr\"><a href=\"https:\/\/www.garciafaura.com\/es\/portfolio-category\/conjuntos-residenciales\/\" class=\"term-46\">Conjuntos residenciales<\/a><\/div><\/div><\/div><\/div><\/div><div class=\"portfolio-entry vcex-grid-item entry-has-details span_1_of_3 col col-2 vcex-isotope-entry vcex-no-margin-entry post-34990 entry type-portfolio has-media cat-45 cat-51 cat-52 cat-58 cat-59 translation_priority-6\"><div class=\"portfolio-entry-inner entry-inner wpex-clr\"><div class=\"portfolio-entry-media entry-media wpex-clr\"><a href=\"https:\/\/www.garciafaura.com\/wp-content\/uploads\/2024\/02\/Edifici-A12-Consorci-Zona-Franca-38.jpg\" title=\"Rehabilitaci\u00f3n Edificio Consorcio ZFB\" class=\"portfolio-entry-media-link wpex-lightbox-gallery\" data-gallery=\"[{&quot;src&quot;:&quot;https:\\\/\\\/www.garciafaura.com\\\/wp-content\\\/uploads\\\/2024\\\/02\\\/Edifici-A12-Consorci-Zona-Franca-38.jpg&quot;},{&quot;src&quot;:&quot;https:\\\/\\\/www.garciafaura.com\\\/wp-content\\\/uploads\\\/2024\\\/02\\\/Edifici-A12-Consorci-Zona-Franca-49.jpg&quot;},{&quot;src&quot;:&quot;https:\\\/\\\/www.garciafaura.com\\\/wp-content\\\/uploads\\\/2024\\\/02\\\/Edifici-A12-Consorci-Zona-Franca-48.jpg&quot;},{&quot;src&quot;:&quot;https:\\\/\\\/www.garciafaura.com\\\/wp-content\\\/uploads\\\/2024\\\/02\\\/Edifici-A12-Consorci-Zona-Franca-47.jpg&quot;},{&quot;src&quot;:&quot;https:\\\/\\\/www.garciafaura.com\\\/wp-content\\\/uploads\\\/2024\\\/02\\\/Edifici-A12-Consorci-Zona-Franca-46.jpg&quot;},{&quot;src&quot;:&quot;https:\\\/\\\/www.garciafaura.com\\\/wp-content\\\/uploads\\\/2024\\\/02\\\/Edifici-A12-Consorci-Zona-Franca-45.jpg&quot;},{&quot;src&quot;:&quot;https:\\\/\\\/www.garciafaura.com\\\/wp-content\\\/uploads\\\/2024\\\/02\\\/Edifici-A12-Consorci-Zona-Franca-44.jpg&quot;},{&quot;src&quot;:&quot;https:\\\/\\\/www.garciafaura.com\\\/wp-content\\\/uploads\\\/2024\\\/02\\\/Edifici-A12-Consorci-Zona-Franca-43.jpg&quot;},{&quot;src&quot;:&quot;https:\\\/\\\/www.garciafaura.com\\\/wp-content\\\/uploads\\\/2024\\\/02\\\/Edifici-A12-Consorci-Zona-Franca-42.jpg&quot;},{&quot;src&quot;:&quot;https:\\\/\\\/www.garciafaura.com\\\/wp-content\\\/uploads\\\/2024\\\/02\\\/Edifici-A12-Consorci-Zona-Franca-41.jpg&quot;},{&quot;src&quot;:&quot;https:\\\/\\\/www.garciafaura.com\\\/wp-content\\\/uploads\\\/2024\\\/02\\\/Edifici-A12-Consorci-Zona-Franca-40.jpg&quot;},{&quot;src&quot;:&quot;https:\\\/\\\/www.garciafaura.com\\\/wp-content\\\/uploads\\\/2024\\\/02\\\/Edifici-A12-Consorci-Zona-Franca-39.jpg&quot;},{&quot;src&quot;:&quot;https:\\\/\\\/www.garciafaura.com\\\/wp-content\\\/uploads\\\/2024\\\/02\\\/Edifici-A12-Consorci-Zona-Franca-37.jpg&quot;},{&quot;src&quot;:&quot;https:\\\/\\\/www.garciafaura.com\\\/wp-content\\\/uploads\\\/2024\\\/02\\\/Edifici-A12-Consorci-Zona-Franca-36.jpg&quot;},{&quot;src&quot;:&quot;https:\\\/\\\/www.garciafaura.com\\\/wp-content\\\/uploads\\\/2024\\\/02\\\/Edifici-A12-Consorci-Zona-Franca-35.jpg&quot;},{&quot;src&quot;:&quot;https:\\\/\\\/www.garciafaura.com\\\/wp-content\\\/uploads\\\/2024\\\/02\\\/Edifici-A12-Consorci-Zona-Franca-34.jpg&quot;},{&quot;src&quot;:&quot;https:\\\/\\\/www.garciafaura.com\\\/wp-content\\\/uploads\\\/2024\\\/02\\\/Edifici-A12-Consorci-Zona-Franca-33.jpg&quot;},{&quot;src&quot;:&quot;https:\\\/\\\/www.garciafaura.com\\\/wp-content\\\/uploads\\\/2024\\\/02\\\/Edifici-A12-Consorci-Zona-Franca-32.jpg&quot;},{&quot;src&quot;:&quot;https:\\\/\\\/www.garciafaura.com\\\/wp-content\\\/uploads\\\/2024\\\/02\\\/Edifici-A12-Consorci-Zona-Franca-31.jpg&quot;},{&quot;src&quot;:&quot;https:\\\/\\\/www.garciafaura.com\\\/wp-content\\\/uploads\\\/2024\\\/02\\\/Edifici-A12-Consorci-Zona-Franca-30.jpg&quot;},{&quot;src&quot;:&quot;https:\\\/\\\/www.garciafaura.com\\\/wp-content\\\/uploads\\\/2024\\\/02\\\/Edifici-A12-Consorci-Zona-Franca-29.jpg&quot;},{&quot;src&quot;:&quot;https:\\\/\\\/www.garciafaura.com\\\/wp-content\\\/uploads\\\/2024\\\/02\\\/Edifici-A12-Consorci-Zona-Franca-28.jpg&quot;},{&quot;src&quot;:&quot;https:\\\/\\\/www.garciafaura.com\\\/wp-content\\\/uploads\\\/2024\\\/02\\\/Edifici-A12-Consorci-Zona-Franca-27.jpg&quot;},{&quot;src&quot;:&quot;https:\\\/\\\/www.garciafaura.com\\\/wp-content\\\/uploads\\\/2024\\\/02\\\/Edifici-A12-Consorci-Zona-Franca-26.jpg&quot;},{&quot;src&quot;:&quot;https:\\\/\\\/www.garciafaura.com\\\/wp-content\\\/uploads\\\/2024\\\/02\\\/Edifici-A12-Consorci-Zona-Franca-25.jpg&quot;},{&quot;src&quot;:&quot;https:\\\/\\\/www.garciafaura.com\\\/wp-content\\\/uploads\\\/2024\\\/02\\\/Edifici-A12-Consorci-Zona-Franca-24.jpg&quot;},{&quot;src&quot;:&quot;https:\\\/\\\/www.garciafaura.com\\\/wp-content\\\/uploads\\\/2024\\\/02\\\/Edifici-A12-Consorci-Zona-Franca-23.jpg&quot;},{&quot;src&quot;:&quot;https:\\\/\\\/www.garciafaura.com\\\/wp-content\\\/uploads\\\/2024\\\/02\\\/Edifici-A12-Consorci-Zona-Franca-22.jpg&quot;},{&quot;src&quot;:&quot;https:\\\/\\\/www.garciafaura.com\\\/wp-content\\\/uploads\\\/2024\\\/02\\\/Edifici-A12-Consorci-Zona-Franca-21.jpg&quot;},{&quot;src&quot;:&quot;https:\\\/\\\/www.garciafaura.com\\\/wp-content\\\/uploads\\\/2024\\\/02\\\/Edifici-A12-Consorci-Zona-Franca-20.jpg&quot;},{&quot;src&quot;:&quot;https:\\\/\\\/www.garciafaura.com\\\/wp-content\\\/uploads\\\/2024\\\/02\\\/Edifici-A12-Consorci-Zona-Franca-19.jpg&quot;},{&quot;src&quot;:&quot;https:\\\/\\\/www.garciafaura.com\\\/wp-content\\\/uploads\\\/2024\\\/02\\\/Edifici-A12-Consorci-Zona-Franca-18.jpg&quot;},{&quot;src&quot;:&quot;https:\\\/\\\/www.garciafaura.com\\\/wp-content\\\/uploads\\\/2024\\\/02\\\/Edifici-A12-Consorci-Zona-Franca-17.jpg&quot;},{&quot;src&quot;:&quot;https:\\\/\\\/www.garciafaura.com\\\/wp-content\\\/uploads\\\/2024\\\/02\\\/Edifici-A12-Consorci-Zona-Franca-16.jpg&quot;},{&quot;src&quot;:&quot;https:\\\/\\\/www.garciafaura.com\\\/wp-content\\\/uploads\\\/2024\\\/02\\\/Edifici-A12-Consorci-Zona-Franca-15.jpg&quot;},{&quot;src&quot;:&quot;https:\\\/\\\/www.garciafaura.com\\\/wp-content\\\/uploads\\\/2024\\\/02\\\/Edifici-A12-Consorci-Zona-Franca-14.jpg&quot;},{&quot;src&quot;:&quot;https:\\\/\\\/www.garciafaura.com\\\/wp-content\\\/uploads\\\/2024\\\/02\\\/Edifici-A12-Consorci-Zona-Franca-13.jpg&quot;},{&quot;src&quot;:&quot;https:\\\/\\\/www.garciafaura.com\\\/wp-content\\\/uploads\\\/2024\\\/02\\\/Edifici-A12-Consorci-Zona-Franca-12.jpg&quot;},{&quot;src&quot;:&quot;https:\\\/\\\/www.garciafaura.com\\\/wp-content\\\/uploads\\\/2024\\\/02\\\/Edifici-A12-Consorci-Zona-Franca-11.jpg&quot;},{&quot;src&quot;:&quot;https:\\\/\\\/www.garciafaura.com\\\/wp-content\\\/uploads\\\/2024\\\/02\\\/Edifici-A12-Consorci-Zona-Franca-10.jpg&quot;},{&quot;src&quot;:&quot;https:\\\/\\\/www.garciafaura.com\\\/wp-content\\\/uploads\\\/2024\\\/02\\\/Edifici-A12-Consorci-Zona-Franca-9.jpg&quot;},{&quot;src&quot;:&quot;https:\\\/\\\/www.garciafaura.com\\\/wp-content\\\/uploads\\\/2024\\\/02\\\/Edifici-A12-Consorci-Zona-Franca-8.jpg&quot;},{&quot;src&quot;:&quot;https:\\\/\\\/www.garciafaura.com\\\/wp-content\\\/uploads\\\/2024\\\/02\\\/Edifici-A12-Consorci-Zona-Franca-7.jpg&quot;},{&quot;src&quot;:&quot;https:\\\/\\\/www.garciafaura.com\\\/wp-content\\\/uploads\\\/2024\\\/02\\\/Edifici-A12-Consorci-Zona-Franca-6.jpg&quot;,&quot;title&quot;:&quot;GARCIA FAURA&quot;},{&quot;src&quot;:&quot;https:\\\/\\\/www.garciafaura.com\\\/wp-content\\\/uploads\\\/2024\\\/02\\\/Edifici-A12-Consorci-Zona-Franca-5.jpg&quot;,&quot;title&quot;:&quot;GARCIA FAURA&quot;},{&quot;src&quot;:&quot;https:\\\/\\\/www.garciafaura.com\\\/wp-content\\\/uploads\\\/2024\\\/02\\\/Edifici-A12-Consorci-Zona-Franca-4.jpg&quot;,&quot;title&quot;:&quot;GARCIA FAURA&quot;},{&quot;src&quot;:&quot;https:\\\/\\\/www.garciafaura.com\\\/wp-content\\\/uploads\\\/2024\\\/02\\\/Edifici-A12-Consorci-Zona-Franca-3.jpg&quot;,&quot;title&quot;:&quot;GARCIA FAURA&quot;},{&quot;src&quot;:&quot;https:\\\/\\\/www.garciafaura.com\\\/wp-content\\\/uploads\\\/2024\\\/02\\\/Edifici-A12-Consorci-Zona-Franca-2.jpg&quot;,&quot;title&quot;:&quot;GARCIA FAURA&quot;},{&quot;src&quot;:&quot;https:\\\/\\\/www.garciafaura.com\\\/wp-content\\\/uploads\\\/2024\\\/02\\\/Edifici-A12-Consorci-Zona-Franca-1.jpg&quot;,&quot;title&quot;:&quot;GARCIA FAURA&quot;}]\"><img loading=\"lazy\" decoding=\"async\" data-no-lazy=\"1\" class=\"portfolio-entry-img skip-lazy\" src=\"https:\/\/www.garciafaura.com\/wp-content\/uploads\/2024\/02\/Edifici-A12-Consorci-Zona-Franca-38-600x314.jpg\" alt='' data-no-retina width=\"600\" height=\"314\" \/><\/a><\/div><div class=\"portfolio-entry-details entry-details wpex-clr\"><div class=\"match-height-content\"><h2 class=\"portfolio-entry-title entry-title\"><a href=\"https:\/\/www.garciafaura.com\/es\/portfolio-item\/rehabilitacio-edifici-consorci-zfb\/\" title=\"Rehabilitaci\u00f3n Edificio Consorcio ZFB\">Rehabilitaci\u00f3n Edificio Consorcio ZFB<\/a><\/h2><div class=\"portfolio-entry-categories entry-categories wpex-clr\"><a href=\"https:\/\/www.garciafaura.com\/es\/portfolio-category\/fachadas-destacado\/\" class=\"term-52\">Fachadas Destacado<\/a><\/div><\/div><\/div><\/div><\/div><div class=\"portfolio-entry vcex-grid-item entry-has-details span_1_of_3 col col-3 vcex-isotope-entry vcex-no-margin-entry post-34427 entry type-portfolio has-media cat-45 cat-48 cat-51 cat-52 cat-58 cat-59 translation_priority-6\"><div class=\"portfolio-entry-inner entry-inner wpex-clr\"><div class=\"portfolio-entry-media entry-media wpex-clr\"><a href=\"https:\/\/www.garciafaura.com\/wp-content\/uploads\/2024\/01\/Rehab-edifici-Estel-02.jpg\" title=\"Rehabilitaci\u00f3n edificio Estel\" class=\"portfolio-entry-media-link wpex-lightbox-gallery\" data-gallery=\"[{&quot;src&quot;:&quot;https:\\\/\\\/www.garciafaura.com\\\/wp-content\\\/uploads\\\/2024\\\/01\\\/Rehab-edifici-Estel-03.jpg&quot;},{&quot;src&quot;:&quot;https:\\\/\\\/www.garciafaura.com\\\/wp-content\\\/uploads\\\/2024\\\/01\\\/Rehab-edifici-Estel-01.jpg&quot;},{&quot;src&quot;:&quot;https:\\\/\\\/www.garciafaura.com\\\/wp-content\\\/uploads\\\/2024\\\/01\\\/Rehab-edifici-Estel-57.jpg&quot;},{&quot;src&quot;:&quot;https:\\\/\\\/www.garciafaura.com\\\/wp-content\\\/uploads\\\/2024\\\/01\\\/Rehab-edifici-Estel-56.jpg&quot;},{&quot;src&quot;:&quot;https:\\\/\\\/www.garciafaura.com\\\/wp-content\\\/uploads\\\/2024\\\/01\\\/Rehab-edifici-Estel-55.jpg&quot;},{&quot;src&quot;:&quot;https:\\\/\\\/www.garciafaura.com\\\/wp-content\\\/uploads\\\/2024\\\/01\\\/Rehab-edifici-Estel-54.jpg&quot;},{&quot;src&quot;:&quot;https:\\\/\\\/www.garciafaura.com\\\/wp-content\\\/uploads\\\/2024\\\/01\\\/Rehab-edifici-Estel-53.jpg&quot;},{&quot;src&quot;:&quot;https:\\\/\\\/www.garciafaura.com\\\/wp-content\\\/uploads\\\/2024\\\/01\\\/Rehab-edifici-Estel-52.jpg&quot;},{&quot;src&quot;:&quot;https:\\\/\\\/www.garciafaura.com\\\/wp-content\\\/uploads\\\/2024\\\/01\\\/Rehab-edifici-Estel-51.jpg&quot;},{&quot;src&quot;:&quot;https:\\\/\\\/www.garciafaura.com\\\/wp-content\\\/uploads\\\/2024\\\/01\\\/Rehab-edifici-Estel-50.jpg&quot;},{&quot;src&quot;:&quot;https:\\\/\\\/www.garciafaura.com\\\/wp-content\\\/uploads\\\/2024\\\/01\\\/Rehab-edifici-Estel-49.jpg&quot;},{&quot;src&quot;:&quot;https:\\\/\\\/www.garciafaura.com\\\/wp-content\\\/uploads\\\/2024\\\/01\\\/Rehab-edifici-Estel-48.jpg&quot;},{&quot;src&quot;:&quot;https:\\\/\\\/www.garciafaura.com\\\/wp-content\\\/uploads\\\/2024\\\/01\\\/Rehab-edifici-Estel-47.jpg&quot;},{&quot;src&quot;:&quot;https:\\\/\\\/www.garciafaura.com\\\/wp-content\\\/uploads\\\/2024\\\/01\\\/Rehab-edifici-Estel-46.jpg&quot;},{&quot;src&quot;:&quot;https:\\\/\\\/www.garciafaura.com\\\/wp-content\\\/uploads\\\/2024\\\/01\\\/Rehab-edifici-Estel-45.jpg&quot;},{&quot;src&quot;:&quot;https:\\\/\\\/www.garciafaura.com\\\/wp-content\\\/uploads\\\/2024\\\/01\\\/Rehab-edifici-Estel-44.jpg&quot;},{&quot;src&quot;:&quot;https:\\\/\\\/www.garciafaura.com\\\/wp-content\\\/uploads\\\/2024\\\/01\\\/Rehab-edifici-Estel-43.jpg&quot;},{&quot;src&quot;:&quot;https:\\\/\\\/www.garciafaura.com\\\/wp-content\\\/uploads\\\/2024\\\/01\\\/Rehab-edifici-Estel-42.jpg&quot;},{&quot;src&quot;:&quot;https:\\\/\\\/www.garciafaura.com\\\/wp-content\\\/uploads\\\/2024\\\/01\\\/Rehab-edifici-Estel-41.jpg&quot;},{&quot;src&quot;:&quot;https:\\\/\\\/www.garciafaura.com\\\/wp-content\\\/uploads\\\/2024\\\/01\\\/Rehab-edifici-Estel-40.jpg&quot;},{&quot;src&quot;:&quot;https:\\\/\\\/www.garciafaura.com\\\/wp-content\\\/uploads\\\/2024\\\/01\\\/Rehab-edifici-Estel-39.jpg&quot;},{&quot;src&quot;:&quot;https:\\\/\\\/www.garciafaura.com\\\/wp-content\\\/uploads\\\/2024\\\/01\\\/Rehab-edifici-Estel-38.jpg&quot;},{&quot;src&quot;:&quot;https:\\\/\\\/www.garciafaura.com\\\/wp-content\\\/uploads\\\/2024\\\/01\\\/Rehab-edifici-Estel-37.jpg&quot;},{&quot;src&quot;:&quot;https:\\\/\\\/www.garciafaura.com\\\/wp-content\\\/uploads\\\/2024\\\/01\\\/Rehab-edifici-Estel-36.jpg&quot;},{&quot;src&quot;:&quot;https:\\\/\\\/www.garciafaura.com\\\/wp-content\\\/uploads\\\/2024\\\/01\\\/Rehab-edifici-Estel-35.jpg&quot;},{&quot;src&quot;:&quot;https:\\\/\\\/www.garciafaura.com\\\/wp-content\\\/uploads\\\/2024\\\/01\\\/Rehab-edifici-Estel-34.jpg&quot;},{&quot;src&quot;:&quot;https:\\\/\\\/www.garciafaura.com\\\/wp-content\\\/uploads\\\/2024\\\/01\\\/Rehab-edifici-Estel-33.jpg&quot;},{&quot;src&quot;:&quot;https:\\\/\\\/www.garciafaura.com\\\/wp-content\\\/uploads\\\/2024\\\/01\\\/Rehab-edifici-Estel-32.jpg&quot;},{&quot;src&quot;:&quot;https:\\\/\\\/www.garciafaura.com\\\/wp-content\\\/uploads\\\/2024\\\/01\\\/Rehab-edifici-Estel-31.jpg&quot;},{&quot;src&quot;:&quot;https:\\\/\\\/www.garciafaura.com\\\/wp-content\\\/uploads\\\/2024\\\/01\\\/Rehab-edifici-Estel-30.jpg&quot;},{&quot;src&quot;:&quot;https:\\\/\\\/www.garciafaura.com\\\/wp-content\\\/uploads\\\/2024\\\/01\\\/Rehab-edifici-Estel-29.jpg&quot;},{&quot;src&quot;:&quot;https:\\\/\\\/www.garciafaura.com\\\/wp-content\\\/uploads\\\/2024\\\/01\\\/Rehab-edifici-Estel-28.jpg&quot;},{&quot;src&quot;:&quot;https:\\\/\\\/www.garciafaura.com\\\/wp-content\\\/uploads\\\/2024\\\/01\\\/Rehab-edifici-Estel-27.jpg&quot;},{&quot;src&quot;:&quot;https:\\\/\\\/www.garciafaura.com\\\/wp-content\\\/uploads\\\/2024\\\/01\\\/Rehab-edifici-Estel-26.jpg&quot;},{&quot;src&quot;:&quot;https:\\\/\\\/www.garciafaura.com\\\/wp-content\\\/uploads\\\/2024\\\/01\\\/Rehab-edifici-Estel-25.jpg&quot;},{&quot;src&quot;:&quot;https:\\\/\\\/www.garciafaura.com\\\/wp-content\\\/uploads\\\/2024\\\/01\\\/Rehab-edifici-Estel-24.jpg&quot;},{&quot;src&quot;:&quot;https:\\\/\\\/www.garciafaura.com\\\/wp-content\\\/uploads\\\/2024\\\/01\\\/Rehab-edifici-Estel-23.jpg&quot;},{&quot;src&quot;:&quot;https:\\\/\\\/www.garciafaura.com\\\/wp-content\\\/uploads\\\/2024\\\/01\\\/Rehab-edifici-Estel-22.jpg&quot;},{&quot;src&quot;:&quot;https:\\\/\\\/www.garciafaura.com\\\/wp-content\\\/uploads\\\/2024\\\/01\\\/Rehab-edifici-Estel-21.jpg&quot;},{&quot;src&quot;:&quot;https:\\\/\\\/www.garciafaura.com\\\/wp-content\\\/uploads\\\/2024\\\/01\\\/Rehab-edifici-Estel-20.jpg&quot;},{&quot;src&quot;:&quot;https:\\\/\\\/www.garciafaura.com\\\/wp-content\\\/uploads\\\/2024\\\/01\\\/Rehab-edifici-Estel-19.jpg&quot;},{&quot;src&quot;:&quot;https:\\\/\\\/www.garciafaura.com\\\/wp-content\\\/uploads\\\/2024\\\/01\\\/Rehab-edifici-Estel-18.jpg&quot;},{&quot;src&quot;:&quot;https:\\\/\\\/www.garciafaura.com\\\/wp-content\\\/uploads\\\/2024\\\/01\\\/Rehab-edifici-Estel-17.jpg&quot;},{&quot;src&quot;:&quot;https:\\\/\\\/www.garciafaura.com\\\/wp-content\\\/uploads\\\/2024\\\/01\\\/Rehab-edifici-Estel-16.jpg&quot;},{&quot;src&quot;:&quot;https:\\\/\\\/www.garciafaura.com\\\/wp-content\\\/uploads\\\/2024\\\/01\\\/Rehab-edifici-Estel-15.jpg&quot;},{&quot;src&quot;:&quot;https:\\\/\\\/www.garciafaura.com\\\/wp-content\\\/uploads\\\/2024\\\/01\\\/Rehab-edifici-Estel-14.jpg&quot;},{&quot;src&quot;:&quot;https:\\\/\\\/www.garciafaura.com\\\/wp-content\\\/uploads\\\/2024\\\/01\\\/Rehab-edifici-Estel-13.jpg&quot;},{&quot;src&quot;:&quot;https:\\\/\\\/www.garciafaura.com\\\/wp-content\\\/uploads\\\/2024\\\/01\\\/Rehab-edifici-Estel-12.jpg&quot;},{&quot;src&quot;:&quot;https:\\\/\\\/www.garciafaura.com\\\/wp-content\\\/uploads\\\/2024\\\/01\\\/Rehab-edifici-Estel-11.jpg&quot;},{&quot;src&quot;:&quot;https:\\\/\\\/www.garciafaura.com\\\/wp-content\\\/uploads\\\/2024\\\/01\\\/Rehab-edifici-Estel-10.jpg&quot;},{&quot;src&quot;:&quot;https:\\\/\\\/www.garciafaura.com\\\/wp-content\\\/uploads\\\/2024\\\/01\\\/Rehab-edifici-Estel-09.jpg&quot;},{&quot;src&quot;:&quot;https:\\\/\\\/www.garciafaura.com\\\/wp-content\\\/uploads\\\/2024\\\/01\\\/Rehab-edifici-Estel-08.jpg&quot;},{&quot;src&quot;:&quot;https:\\\/\\\/www.garciafaura.com\\\/wp-content\\\/uploads\\\/2024\\\/01\\\/Rehab-edifici-Estel-07.jpg&quot;},{&quot;src&quot;:&quot;https:\\\/\\\/www.garciafaura.com\\\/wp-content\\\/uploads\\\/2024\\\/01\\\/Rehab-edifici-Estel-06.jpg&quot;},{&quot;src&quot;:&quot;https:\\\/\\\/www.garciafaura.com\\\/wp-content\\\/uploads\\\/2024\\\/01\\\/Rehab-edifici-Estel-05.jpg&quot;},{&quot;src&quot;:&quot;https:\\\/\\\/www.garciafaura.com\\\/wp-content\\\/uploads\\\/2024\\\/01\\\/Rehab-edifici-Estel-04.jpg&quot;},{&quot;src&quot;:&quot;https:\\\/\\\/www.garciafaura.com\\\/wp-content\\\/uploads\\\/2024\\\/01\\\/Rehab-edifici-Estel-02.jpg&quot;}]\"><img loading=\"lazy\" decoding=\"async\" data-no-lazy=\"1\" class=\"portfolio-entry-img skip-lazy\" src=\"https:\/\/www.garciafaura.com\/wp-content\/uploads\/2024\/01\/Rehab-edifici-Estel-02-600x314.jpg\" alt='' data-no-retina width=\"600\" height=\"314\" \/><\/a><\/div><div class=\"portfolio-entry-details entry-details wpex-clr\"><div class=\"match-height-content\"><h2 class=\"portfolio-entry-title entry-title\"><a href=\"https:\/\/www.garciafaura.com\/es\/portfolio-item\/transformacio-edifici-estel\/\" title=\"Rehabilitaci\u00f3n edificio Estel\">Rehabilitaci\u00f3n edificio Estel<\/a><\/h2><div class=\"portfolio-entry-categories entry-categories wpex-clr\"><a href=\"https:\/\/www.garciafaura.com\/es\/portfolio-category\/fachadas-destacado\/\" class=\"term-52\">Fachadas Destacado<\/a><\/div><\/div><\/div><\/div><\/div><div class=\"portfolio-entry vcex-grid-item entry-has-details span_1_of_3 col col-1 vcex-isotope-entry vcex-no-margin-entry post-33727 entry type-portfolio has-media cat-51 cat-52 cat-58 cat-59 translation_priority-6\"><div class=\"portfolio-entry-inner entry-inner wpex-clr\"><div class=\"portfolio-entry-media entry-media wpex-clr\"><a href=\"https:\/\/www.garciafaura.com\/wp-content\/uploads\/2023\/11\/Plug-Harvest-Parets-01.jpg\" title=\"Rehabilitaci\u00f3n Plug-n-Harvest Sant Quirze\" class=\"portfolio-entry-media-link wpex-lightbox-gallery\" data-gallery=\"[{&quot;src&quot;:&quot;https:\\\/\\\/www.garciafaura.com\\\/wp-content\\\/uploads\\\/2023\\\/11\\\/Plug-Harvest-Parets-01.jpg&quot;},{&quot;src&quot;:&quot;https:\\\/\\\/www.garciafaura.com\\\/wp-content\\\/uploads\\\/2023\\\/11\\\/Plug-Harvest-Parets-11.jpg&quot;},{&quot;src&quot;:&quot;https:\\\/\\\/www.garciafaura.com\\\/wp-content\\\/uploads\\\/2023\\\/11\\\/Plug-Harvest-Parets-10.jpg&quot;},{&quot;src&quot;:&quot;https:\\\/\\\/www.garciafaura.com\\\/wp-content\\\/uploads\\\/2023\\\/11\\\/Plug-Harvest-Parets-09.jpg&quot;},{&quot;src&quot;:&quot;https:\\\/\\\/www.garciafaura.com\\\/wp-content\\\/uploads\\\/2023\\\/11\\\/Plug-Harvest-Parets-08.jpg&quot;},{&quot;src&quot;:&quot;https:\\\/\\\/www.garciafaura.com\\\/wp-content\\\/uploads\\\/2023\\\/11\\\/Plug-Harvest-Parets-07.jpg&quot;},{&quot;src&quot;:&quot;https:\\\/\\\/www.garciafaura.com\\\/wp-content\\\/uploads\\\/2023\\\/11\\\/Plug-Harvest-Parets-06.jpg&quot;},{&quot;src&quot;:&quot;https:\\\/\\\/www.garciafaura.com\\\/wp-content\\\/uploads\\\/2023\\\/11\\\/Plug-Harvest-Parets-05.jpg&quot;},{&quot;src&quot;:&quot;https:\\\/\\\/www.garciafaura.com\\\/wp-content\\\/uploads\\\/2023\\\/11\\\/Plug-Harvest-Parets-04.jpg&quot;},{&quot;src&quot;:&quot;https:\\\/\\\/www.garciafaura.com\\\/wp-content\\\/uploads\\\/2023\\\/11\\\/Plug-Harvest-Parets-03.jpg&quot;},{&quot;src&quot;:&quot;https:\\\/\\\/www.garciafaura.com\\\/wp-content\\\/uploads\\\/2023\\\/11\\\/Plug-Harvest-Parets-02.jpg&quot;}]\"><img loading=\"lazy\" decoding=\"async\" data-no-lazy=\"1\" class=\"portfolio-entry-img skip-lazy\" src=\"https:\/\/www.garciafaura.com\/wp-content\/uploads\/2023\/11\/Plug-Harvest-Parets-01-600x314.jpg\" alt='' data-no-retina width=\"600\" height=\"314\" \/><\/a><\/div><div class=\"portfolio-entry-details entry-details wpex-clr\"><div class=\"match-height-content\"><h2 class=\"portfolio-entry-title entry-title\"><a href=\"https:\/\/www.garciafaura.com\/es\/portfolio-item\/rehabilitacio-plug-n-harvest-sant-quirze\/\" title=\"Rehabilitaci\u00f3n Plug-n-Harvest Sant Quirze\">Rehabilitaci\u00f3n Plug-n-Harvest Sant Quirze<\/a><\/h2><div class=\"portfolio-entry-categories entry-categories wpex-clr\"><a href=\"https:\/\/www.garciafaura.com\/es\/portfolio-category\/fachadas\/\" class=\"term-51\">Fachadas<\/a><\/div><\/div><\/div><\/div><\/div><div class=\"portfolio-entry vcex-grid-item entry-has-details span_1_of_3 col col-2 vcex-isotope-entry vcex-no-margin-entry post-33589 entry type-portfolio has-media cat-45 cat-48 cat-51 cat-52 translation_priority-6\"><div class=\"portfolio-entry-inner entry-inner wpex-clr\"><div class=\"portfolio-entry-media entry-media wpex-clr\"><a href=\"https:\/\/www.garciafaura.com\/wp-content\/uploads\/2023\/10\/Complex-oficines-22@-01.jpg\" title=\"Complejo de oficines Nubiola 22@\" class=\"portfolio-entry-media-link wpex-lightbox-gallery\" data-gallery=\"[{&quot;src&quot;:&quot;https:\\\/\\\/www.garciafaura.com\\\/wp-content\\\/uploads\\\/2023\\\/10\\\/Complex-oficines-22@-01.jpg&quot;},{&quot;src&quot;:&quot;https:\\\/\\\/www.garciafaura.com\\\/wp-content\\\/uploads\\\/2023\\\/10\\\/Complex-oficines-22@-20.jpg&quot;},{&quot;src&quot;:&quot;https:\\\/\\\/www.garciafaura.com\\\/wp-content\\\/uploads\\\/2023\\\/10\\\/Complex-oficines-22@-19.jpg&quot;},{&quot;src&quot;:&quot;https:\\\/\\\/www.garciafaura.com\\\/wp-content\\\/uploads\\\/2023\\\/10\\\/Complex-oficines-22@-18.jpg&quot;},{&quot;src&quot;:&quot;https:\\\/\\\/www.garciafaura.com\\\/wp-content\\\/uploads\\\/2023\\\/10\\\/Complex-oficines-22@-17.jpg&quot;},{&quot;src&quot;:&quot;https:\\\/\\\/www.garciafaura.com\\\/wp-content\\\/uploads\\\/2023\\\/10\\\/Complex-oficines-22@-16.jpg&quot;},{&quot;src&quot;:&quot;https:\\\/\\\/www.garciafaura.com\\\/wp-content\\\/uploads\\\/2023\\\/10\\\/Complex-oficines-22@-15.jpg&quot;},{&quot;src&quot;:&quot;https:\\\/\\\/www.garciafaura.com\\\/wp-content\\\/uploads\\\/2023\\\/10\\\/Complex-oficines-22@-14.jpg&quot;},{&quot;src&quot;:&quot;https:\\\/\\\/www.garciafaura.com\\\/wp-content\\\/uploads\\\/2023\\\/10\\\/Complex-oficines-22@-13.jpg&quot;},{&quot;src&quot;:&quot;https:\\\/\\\/www.garciafaura.com\\\/wp-content\\\/uploads\\\/2023\\\/10\\\/Complex-oficines-22@-12.jpg&quot;},{&quot;src&quot;:&quot;https:\\\/\\\/www.garciafaura.com\\\/wp-content\\\/uploads\\\/2023\\\/10\\\/Complex-oficines-22@-11.jpg&quot;},{&quot;src&quot;:&quot;https:\\\/\\\/www.garciafaura.com\\\/wp-content\\\/uploads\\\/2023\\\/10\\\/Complex-oficines-22@-10.jpg&quot;},{&quot;src&quot;:&quot;https:\\\/\\\/www.garciafaura.com\\\/wp-content\\\/uploads\\\/2023\\\/10\\\/Complex-oficines-22@-09.jpg&quot;},{&quot;src&quot;:&quot;https:\\\/\\\/www.garciafaura.com\\\/wp-content\\\/uploads\\\/2023\\\/10\\\/Complex-oficines-22@-08.jpg&quot;},{&quot;src&quot;:&quot;https:\\\/\\\/www.garciafaura.com\\\/wp-content\\\/uploads\\\/2023\\\/10\\\/Complex-oficines-22@-07.jpg&quot;},{&quot;src&quot;:&quot;https:\\\/\\\/www.garciafaura.com\\\/wp-content\\\/uploads\\\/2023\\\/10\\\/Complex-oficines-22@-06.jpg&quot;},{&quot;src&quot;:&quot;https:\\\/\\\/www.garciafaura.com\\\/wp-content\\\/uploads\\\/2023\\\/10\\\/Complex-oficines-22@-05.jpg&quot;},{&quot;src&quot;:&quot;https:\\\/\\\/www.garciafaura.com\\\/wp-content\\\/uploads\\\/2023\\\/10\\\/Complex-oficines-22@-04.jpg&quot;},{&quot;src&quot;:&quot;https:\\\/\\\/www.garciafaura.com\\\/wp-content\\\/uploads\\\/2023\\\/10\\\/Complex-oficines-22@-03.jpg&quot;},{&quot;src&quot;:&quot;https:\\\/\\\/www.garciafaura.com\\\/wp-content\\\/uploads\\\/2023\\\/10\\\/Complex-oficines-22@-02.jpg&quot;}]\"><img loading=\"lazy\" decoding=\"async\" data-no-lazy=\"1\" class=\"portfolio-entry-img skip-lazy\" src=\"https:\/\/www.garciafaura.com\/wp-content\/uploads\/2023\/10\/Complex-oficines-22@-01-600x314.jpg\" alt='' data-no-retina width=\"600\" height=\"314\" \/><\/a><\/div><div class=\"portfolio-entry-details entry-details wpex-clr\"><div class=\"match-height-content\"><h2 class=\"portfolio-entry-title entry-title\"><a href=\"https:\/\/www.garciafaura.com\/es\/portfolio-item\/complex-doficines-nubiola-22\/\" title=\"Complejo de oficines Nubiola 22@\">Complejo de oficines Nubiola 22@<\/a><\/h2><div class=\"portfolio-entry-categories entry-categories wpex-clr\"><a href=\"https:\/\/www.garciafaura.com\/es\/portfolio-category\/edificios-corporativos\/\" class=\"term-45\">Edificios Corporativos<\/a><\/div><\/div><\/div><\/div><\/div><div class=\"portfolio-entry vcex-grid-item entry-has-details span_1_of_3 col col-3 vcex-isotope-entry vcex-no-margin-entry post-32292 entry type-portfolio has-media cat-46 cat-51 translation_priority-6\"><div class=\"portfolio-entry-inner entry-inner wpex-clr\"><div class=\"portfolio-entry-media entry-media wpex-clr\"><a href=\"https:\/\/www.garciafaura.com\/wp-content\/uploads\/2023\/07\/Meritxell-Andorra-01-1.jpg\" title=\"Promoci\u00f3n Meritxell Andorra\" class=\"portfolio-entry-media-link wpex-lightbox-gallery\" data-gallery=\"[{&quot;src&quot;:&quot;https:\\\/\\\/www.garciafaura.com\\\/wp-content\\\/uploads\\\/2023\\\/07\\\/Meritxell-Andorra-01-1.jpg&quot;},{&quot;src&quot;:&quot;https:\\\/\\\/www.garciafaura.com\\\/wp-content\\\/uploads\\\/2023\\\/07\\\/Meritxell-Andorra-05.jpg&quot;},{&quot;src&quot;:&quot;https:\\\/\\\/www.garciafaura.com\\\/wp-content\\\/uploads\\\/2023\\\/07\\\/Meritxell-Andorra-03-1.jpg&quot;},{&quot;src&quot;:&quot;https:\\\/\\\/www.garciafaura.com\\\/wp-content\\\/uploads\\\/2023\\\/07\\\/Meritxell-Andorra-02-1.jpg&quot;},{&quot;src&quot;:&quot;https:\\\/\\\/www.garciafaura.com\\\/wp-content\\\/uploads\\\/2023\\\/07\\\/Meritxell-Andorra-04.jpg&quot;}]\"><img loading=\"lazy\" decoding=\"async\" data-no-lazy=\"1\" class=\"portfolio-entry-img skip-lazy\" src=\"https:\/\/www.garciafaura.com\/wp-content\/uploads\/2023\/07\/Meritxell-Andorra-01-1-600x314.jpg\" alt='' data-no-retina width=\"600\" height=\"314\" \/><\/a><\/div><div class=\"portfolio-entry-details entry-details wpex-clr\"><div class=\"match-height-content\"><h2 class=\"portfolio-entry-title entry-title\"><a href=\"https:\/\/www.garciafaura.com\/es\/portfolio-item\/promocio-meritxell-andorra\/\" title=\"Promoci\u00f3n Meritxell Andorra\">Promoci\u00f3n Meritxell Andorra<\/a><\/h2><div class=\"portfolio-entry-categories entry-categories wpex-clr\"><a href=\"https:\/\/www.garciafaura.com\/es\/portfolio-category\/conjuntos-residenciales\/\" class=\"term-46\">Conjuntos residenciales<\/a><\/div><\/div><\/div><\/div><\/div><div class=\"portfolio-entry vcex-grid-item entry-has-details span_1_of_3 col col-1 vcex-isotope-entry vcex-no-margin-entry post-32268 entry type-portfolio has-media cat-49 cat-50 cat-51 cat-52 translation_priority-6\"><div class=\"portfolio-entry-inner entry-inner wpex-clr\"><div class=\"portfolio-entry-media entry-media wpex-clr\"><a href=\"https:\/\/www.garciafaura.com\/wp-content\/uploads\/2023\/07\/Seu-SEM-Garcia-Faura-23.jpg\" title=\"Nueva sede del SEM\" class=\"portfolio-entry-media-link wpex-lightbox-gallery\" data-gallery=\"[{&quot;src&quot;:&quot;https:\\\/\\\/www.garciafaura.com\\\/wp-content\\\/uploads\\\/2023\\\/07\\\/Seu-SEM-Garcia-Faura-1.jpg&quot;},{&quot;src&quot;:&quot;https:\\\/\\\/www.garciafaura.com\\\/wp-content\\\/uploads\\\/2023\\\/07\\\/Seu-SEM-Garcia-Faura-58.jpg&quot;},{&quot;src&quot;:&quot;https:\\\/\\\/www.garciafaura.com\\\/wp-content\\\/uploads\\\/2023\\\/07\\\/Seu-SEM-Garcia-Faura-57.jpg&quot;},{&quot;src&quot;:&quot;https:\\\/\\\/www.garciafaura.com\\\/wp-content\\\/uploads\\\/2023\\\/07\\\/Seu-SEM-Garcia-Faura-56.jpg&quot;},{&quot;src&quot;:&quot;https:\\\/\\\/www.garciafaura.com\\\/wp-content\\\/uploads\\\/2023\\\/07\\\/Seu-SEM-Garcia-Faura-55.jpg&quot;},{&quot;src&quot;:&quot;https:\\\/\\\/www.garciafaura.com\\\/wp-content\\\/uploads\\\/2023\\\/07\\\/Seu-SEM-Garcia-Faura-54.jpg&quot;},{&quot;src&quot;:&quot;https:\\\/\\\/www.garciafaura.com\\\/wp-content\\\/uploads\\\/2023\\\/07\\\/Seu-SEM-Garcia-Faura-53.jpg&quot;},{&quot;src&quot;:&quot;https:\\\/\\\/www.garciafaura.com\\\/wp-content\\\/uploads\\\/2023\\\/07\\\/Seu-SEM-Garcia-Faura-52.jpg&quot;},{&quot;src&quot;:&quot;https:\\\/\\\/www.garciafaura.com\\\/wp-content\\\/uploads\\\/2023\\\/07\\\/Seu-SEM-Garcia-Faura-51.jpg&quot;},{&quot;src&quot;:&quot;https:\\\/\\\/www.garciafaura.com\\\/wp-content\\\/uploads\\\/2023\\\/07\\\/Seu-SEM-Garcia-Faura-50.jpg&quot;},{&quot;src&quot;:&quot;https:\\\/\\\/www.garciafaura.com\\\/wp-content\\\/uploads\\\/2023\\\/07\\\/Seu-SEM-Garcia-Faura-49.jpg&quot;},{&quot;src&quot;:&quot;https:\\\/\\\/www.garciafaura.com\\\/wp-content\\\/uploads\\\/2023\\\/07\\\/Seu-SEM-Garcia-Faura-48.jpg&quot;},{&quot;src&quot;:&quot;https:\\\/\\\/www.garciafaura.com\\\/wp-content\\\/uploads\\\/2023\\\/07\\\/Seu-SEM-Garcia-Faura-47.jpg&quot;},{&quot;src&quot;:&quot;https:\\\/\\\/www.garciafaura.com\\\/wp-content\\\/uploads\\\/2023\\\/07\\\/Seu-SEM-Garcia-Faura-46.jpg&quot;},{&quot;src&quot;:&quot;https:\\\/\\\/www.garciafaura.com\\\/wp-content\\\/uploads\\\/2023\\\/07\\\/Seu-SEM-Garcia-Faura-45.jpg&quot;},{&quot;src&quot;:&quot;https:\\\/\\\/www.garciafaura.com\\\/wp-content\\\/uploads\\\/2023\\\/07\\\/Seu-SEM-Garcia-Faura-44.jpg&quot;},{&quot;src&quot;:&quot;https:\\\/\\\/www.garciafaura.com\\\/wp-content\\\/uploads\\\/2023\\\/07\\\/Seu-SEM-Garcia-Faura-43.jpg&quot;},{&quot;src&quot;:&quot;https:\\\/\\\/www.garciafaura.com\\\/wp-content\\\/uploads\\\/2023\\\/07\\\/Seu-SEM-Garcia-Faura-42.jpg&quot;},{&quot;src&quot;:&quot;https:\\\/\\\/www.garciafaura.com\\\/wp-content\\\/uploads\\\/2023\\\/07\\\/Seu-SEM-Garcia-Faura-41.jpg&quot;},{&quot;src&quot;:&quot;https:\\\/\\\/www.garciafaura.com\\\/wp-content\\\/uploads\\\/2023\\\/07\\\/Seu-SEM-Garcia-Faura-40.jpg&quot;},{&quot;src&quot;:&quot;https:\\\/\\\/www.garciafaura.com\\\/wp-content\\\/uploads\\\/2023\\\/07\\\/Seu-SEM-Garcia-Faura-39.jpg&quot;},{&quot;src&quot;:&quot;https:\\\/\\\/www.garciafaura.com\\\/wp-content\\\/uploads\\\/2023\\\/07\\\/Seu-SEM-Garcia-Faura-38.jpg&quot;},{&quot;src&quot;:&quot;https:\\\/\\\/www.garciafaura.com\\\/wp-content\\\/uploads\\\/2023\\\/07\\\/Seu-SEM-Garcia-Faura-37.jpg&quot;},{&quot;src&quot;:&quot;https:\\\/\\\/www.garciafaura.com\\\/wp-content\\\/uploads\\\/2023\\\/07\\\/Seu-SEM-Garcia-Faura-36.jpg&quot;},{&quot;src&quot;:&quot;https:\\\/\\\/www.garciafaura.com\\\/wp-content\\\/uploads\\\/2023\\\/07\\\/Seu-SEM-Garcia-Faura-35.jpg&quot;},{&quot;src&quot;:&quot;https:\\\/\\\/www.garciafaura.com\\\/wp-content\\\/uploads\\\/2023\\\/07\\\/Seu-SEM-Garcia-Faura-34.jpg&quot;},{&quot;src&quot;:&quot;https:\\\/\\\/www.garciafaura.com\\\/wp-content\\\/uploads\\\/2023\\\/07\\\/Seu-SEM-Garcia-Faura-33.jpg&quot;},{&quot;src&quot;:&quot;https:\\\/\\\/www.garciafaura.com\\\/wp-content\\\/uploads\\\/2023\\\/07\\\/Seu-SEM-Garcia-Faura-32.jpg&quot;},{&quot;src&quot;:&quot;https:\\\/\\\/www.garciafaura.com\\\/wp-content\\\/uploads\\\/2023\\\/07\\\/Seu-SEM-Garcia-Faura-31.jpg&quot;},{&quot;src&quot;:&quot;https:\\\/\\\/www.garciafaura.com\\\/wp-content\\\/uploads\\\/2023\\\/07\\\/Seu-SEM-Garcia-Faura-30.jpg&quot;},{&quot;src&quot;:&quot;https:\\\/\\\/www.garciafaura.com\\\/wp-content\\\/uploads\\\/2023\\\/07\\\/Seu-SEM-Garcia-Faura-29.jpg&quot;},{&quot;src&quot;:&quot;https:\\\/\\\/www.garciafaura.com\\\/wp-content\\\/uploads\\\/2023\\\/07\\\/Seu-SEM-Garcia-Faura-28.jpg&quot;},{&quot;src&quot;:&quot;https:\\\/\\\/www.garciafaura.com\\\/wp-content\\\/uploads\\\/2023\\\/07\\\/Seu-SEM-Garcia-Faura-27.jpg&quot;},{&quot;src&quot;:&quot;https:\\\/\\\/www.garciafaura.com\\\/wp-content\\\/uploads\\\/2023\\\/07\\\/Seu-SEM-Garcia-Faura-26.jpg&quot;},{&quot;src&quot;:&quot;https:\\\/\\\/www.garciafaura.com\\\/wp-content\\\/uploads\\\/2023\\\/07\\\/Seu-SEM-Garcia-Faura-25.jpg&quot;},{&quot;src&quot;:&quot;https:\\\/\\\/www.garciafaura.com\\\/wp-content\\\/uploads\\\/2023\\\/07\\\/Seu-SEM-Garcia-Faura-24.jpg&quot;},{&quot;src&quot;:&quot;https:\\\/\\\/www.garciafaura.com\\\/wp-content\\\/uploads\\\/2023\\\/07\\\/Seu-SEM-Garcia-Faura-23.jpg&quot;},{&quot;src&quot;:&quot;https:\\\/\\\/www.garciafaura.com\\\/wp-content\\\/uploads\\\/2023\\\/07\\\/Seu-SEM-Garcia-Faura-22.jpg&quot;},{&quot;src&quot;:&quot;https:\\\/\\\/www.garciafaura.com\\\/wp-content\\\/uploads\\\/2023\\\/07\\\/Seu-SEM-Garcia-Faura-21.jpg&quot;},{&quot;src&quot;:&quot;https:\\\/\\\/www.garciafaura.com\\\/wp-content\\\/uploads\\\/2023\\\/07\\\/Seu-SEM-Garcia-Faura-20.jpg&quot;},{&quot;src&quot;:&quot;https:\\\/\\\/www.garciafaura.com\\\/wp-content\\\/uploads\\\/2023\\\/07\\\/Seu-SEM-Garcia-Faura-19.jpg&quot;},{&quot;src&quot;:&quot;https:\\\/\\\/www.garciafaura.com\\\/wp-content\\\/uploads\\\/2023\\\/07\\\/Seu-SEM-Garcia-Faura-18.jpg&quot;},{&quot;src&quot;:&quot;https:\\\/\\\/www.garciafaura.com\\\/wp-content\\\/uploads\\\/2023\\\/07\\\/Seu-SEM-Garcia-Faura-17.jpg&quot;},{&quot;src&quot;:&quot;https:\\\/\\\/www.garciafaura.com\\\/wp-content\\\/uploads\\\/2023\\\/07\\\/Seu-SEM-Garcia-Faura-16.jpg&quot;},{&quot;src&quot;:&quot;https:\\\/\\\/www.garciafaura.com\\\/wp-content\\\/uploads\\\/2023\\\/07\\\/Seu-SEM-Garcia-Faura-15.jpg&quot;},{&quot;src&quot;:&quot;https:\\\/\\\/www.garciafaura.com\\\/wp-content\\\/uploads\\\/2023\\\/07\\\/Seu-SEM-Garcia-Faura-14.jpg&quot;},{&quot;src&quot;:&quot;https:\\\/\\\/www.garciafaura.com\\\/wp-content\\\/uploads\\\/2023\\\/07\\\/Seu-SEM-Garcia-Faura-13.jpg&quot;},{&quot;src&quot;:&quot;https:\\\/\\\/www.garciafaura.com\\\/wp-content\\\/uploads\\\/2023\\\/07\\\/Seu-SEM-Garcia-Faura-12.jpg&quot;},{&quot;src&quot;:&quot;https:\\\/\\\/www.garciafaura.com\\\/wp-content\\\/uploads\\\/2023\\\/07\\\/Seu-SEM-Garcia-Faura-11.jpg&quot;},{&quot;src&quot;:&quot;https:\\\/\\\/www.garciafaura.com\\\/wp-content\\\/uploads\\\/2023\\\/07\\\/Seu-SEM-Garcia-Faura-10.jpg&quot;},{&quot;src&quot;:&quot;https:\\\/\\\/www.garciafaura.com\\\/wp-content\\\/uploads\\\/2023\\\/07\\\/Seu-SEM-Garcia-Faura-9.jpg&quot;},{&quot;src&quot;:&quot;https:\\\/\\\/www.garciafaura.com\\\/wp-content\\\/uploads\\\/2023\\\/07\\\/Seu-SEM-Garcia-Faura-8.jpg&quot;},{&quot;src&quot;:&quot;https:\\\/\\\/www.garciafaura.com\\\/wp-content\\\/uploads\\\/2023\\\/07\\\/Seu-SEM-Garcia-Faura-7.jpg&quot;},{&quot;src&quot;:&quot;https:\\\/\\\/www.garciafaura.com\\\/wp-content\\\/uploads\\\/2023\\\/07\\\/Seu-SEM-Garcia-Faura-6.jpg&quot;},{&quot;src&quot;:&quot;https:\\\/\\\/www.garciafaura.com\\\/wp-content\\\/uploads\\\/2023\\\/07\\\/Seu-SEM-Garcia-Faura-5.jpg&quot;},{&quot;src&quot;:&quot;https:\\\/\\\/www.garciafaura.com\\\/wp-content\\\/uploads\\\/2023\\\/07\\\/Seu-SEM-Garcia-Faura-4.jpg&quot;},{&quot;src&quot;:&quot;https:\\\/\\\/www.garciafaura.com\\\/wp-content\\\/uploads\\\/2023\\\/07\\\/Seu-SEM-Garcia-Faura-3.jpg&quot;},{&quot;src&quot;:&quot;https:\\\/\\\/www.garciafaura.com\\\/wp-content\\\/uploads\\\/2023\\\/07\\\/Seu-SEM-Garcia-Faura-2.jpg&quot;},{&quot;src&quot;:&quot;https:\\\/\\\/www.garciafaura.com\\\/wp-content\\\/uploads\\\/2023\\\/07\\\/Seu-SEM-Garcia-Faura-58.jpg&quot;},{&quot;src&quot;:&quot;https:\\\/\\\/www.garciafaura.com\\\/wp-content\\\/uploads\\\/2023\\\/07\\\/Seu-SEM-Garcia-Faura-57.jpg&quot;},{&quot;src&quot;:&quot;https:\\\/\\\/www.garciafaura.com\\\/wp-content\\\/uploads\\\/2023\\\/07\\\/Seu-SEM-Garcia-Faura-56.jpg&quot;},{&quot;src&quot;:&quot;https:\\\/\\\/www.garciafaura.com\\\/wp-content\\\/uploads\\\/2023\\\/07\\\/Seu-SEM-Garcia-Faura-55.jpg&quot;},{&quot;src&quot;:&quot;https:\\\/\\\/www.garciafaura.com\\\/wp-content\\\/uploads\\\/2023\\\/07\\\/Seu-SEM-Garcia-Faura-54.jpg&quot;},{&quot;src&quot;:&quot;https:\\\/\\\/www.garciafaura.com\\\/wp-content\\\/uploads\\\/2023\\\/07\\\/Seu-SEM-Garcia-Faura-53.jpg&quot;},{&quot;src&quot;:&quot;https:\\\/\\\/www.garciafaura.com\\\/wp-content\\\/uploads\\\/2023\\\/07\\\/Seu-SEM-Garcia-Faura-52.jpg&quot;},{&quot;src&quot;:&quot;https:\\\/\\\/www.garciafaura.com\\\/wp-content\\\/uploads\\\/2023\\\/07\\\/Seu-SEM-Garcia-Faura-51.jpg&quot;},{&quot;src&quot;:&quot;https:\\\/\\\/www.garciafaura.com\\\/wp-content\\\/uploads\\\/2023\\\/07\\\/Seu-SEM-Garcia-Faura-50.jpg&quot;},{&quot;src&quot;:&quot;https:\\\/\\\/www.garciafaura.com\\\/wp-content\\\/uploads\\\/2023\\\/07\\\/Seu-SEM-Garcia-Faura-49.jpg&quot;},{&quot;src&quot;:&quot;https:\\\/\\\/www.garciafaura.com\\\/wp-content\\\/uploads\\\/2023\\\/07\\\/Seu-SEM-Garcia-Faura-48.jpg&quot;},{&quot;src&quot;:&quot;https:\\\/\\\/www.garciafaura.com\\\/wp-content\\\/uploads\\\/2023\\\/07\\\/Seu-SEM-Garcia-Faura-47.jpg&quot;},{&quot;src&quot;:&quot;https:\\\/\\\/www.garciafaura.com\\\/wp-content\\\/uploads\\\/2023\\\/07\\\/Seu-SEM-Garcia-Faura-46.jpg&quot;},{&quot;src&quot;:&quot;https:\\\/\\\/www.garciafaura.com\\\/wp-content\\\/uploads\\\/2023\\\/07\\\/Seu-SEM-Garcia-Faura-45.jpg&quot;},{&quot;src&quot;:&quot;https:\\\/\\\/www.garciafaura.com\\\/wp-content\\\/uploads\\\/2023\\\/07\\\/Seu-SEM-Garcia-Faura-44.jpg&quot;},{&quot;src&quot;:&quot;https:\\\/\\\/www.garciafaura.com\\\/wp-content\\\/uploads\\\/2023\\\/07\\\/Seu-SEM-Garcia-Faura-43.jpg&quot;},{&quot;src&quot;:&quot;https:\\\/\\\/www.garciafaura.com\\\/wp-content\\\/uploads\\\/2023\\\/07\\\/Seu-SEM-Garcia-Faura-42.jpg&quot;},{&quot;src&quot;:&quot;https:\\\/\\\/www.garciafaura.com\\\/wp-content\\\/uploads\\\/2023\\\/07\\\/Seu-SEM-Garcia-Faura-41.jpg&quot;},{&quot;src&quot;:&quot;https:\\\/\\\/www.garciafaura.com\\\/wp-content\\\/uploads\\\/2023\\\/07\\\/Seu-SEM-Garcia-Faura-40.jpg&quot;},{&quot;src&quot;:&quot;https:\\\/\\\/www.garciafaura.com\\\/wp-content\\\/uploads\\\/2023\\\/07\\\/Seu-SEM-Garcia-Faura-39.jpg&quot;},{&quot;src&quot;:&quot;https:\\\/\\\/www.garciafaura.com\\\/wp-content\\\/uploads\\\/2023\\\/07\\\/Seu-SEM-Garcia-Faura-38.jpg&quot;},{&quot;src&quot;:&quot;https:\\\/\\\/www.garciafaura.com\\\/wp-content\\\/uploads\\\/2023\\\/07\\\/Seu-SEM-Garcia-Faura-37.jpg&quot;},{&quot;src&quot;:&quot;https:\\\/\\\/www.garciafaura.com\\\/wp-content\\\/uploads\\\/2023\\\/07\\\/Seu-SEM-Garcia-Faura-36.jpg&quot;},{&quot;src&quot;:&quot;https:\\\/\\\/www.garciafaura.com\\\/wp-content\\\/uploads\\\/2023\\\/07\\\/Seu-SEM-Garcia-Faura-35.jpg&quot;},{&quot;src&quot;:&quot;https:\\\/\\\/www.garciafaura.com\\\/wp-content\\\/uploads\\\/2023\\\/07\\\/Seu-SEM-Garcia-Faura-34.jpg&quot;},{&quot;src&quot;:&quot;https:\\\/\\\/www.garciafaura.com\\\/wp-content\\\/uploads\\\/2023\\\/07\\\/Seu-SEM-Garcia-Faura-33.jpg&quot;},{&quot;src&quot;:&quot;https:\\\/\\\/www.garciafaura.com\\\/wp-content\\\/uploads\\\/2023\\\/07\\\/Seu-SEM-Garcia-Faura-32.jpg&quot;},{&quot;src&quot;:&quot;https:\\\/\\\/www.garciafaura.com\\\/wp-content\\\/uploads\\\/2023\\\/07\\\/Seu-SEM-Garcia-Faura-31.jpg&quot;},{&quot;src&quot;:&quot;https:\\\/\\\/www.garciafaura.com\\\/wp-content\\\/uploads\\\/2023\\\/07\\\/Seu-SEM-Garcia-Faura-30.jpg&quot;},{&quot;src&quot;:&quot;https:\\\/\\\/www.garciafaura.com\\\/wp-content\\\/uploads\\\/2023\\\/07\\\/Seu-SEM-Garcia-Faura-29.jpg&quot;},{&quot;src&quot;:&quot;https:\\\/\\\/www.garciafaura.com\\\/wp-content\\\/uploads\\\/2023\\\/07\\\/Seu-SEM-Garcia-Faura-28.jpg&quot;},{&quot;src&quot;:&quot;https:\\\/\\\/www.garciafaura.com\\\/wp-content\\\/uploads\\\/2023\\\/07\\\/Seu-SEM-Garcia-Faura-27.jpg&quot;},{&quot;src&quot;:&quot;https:\\\/\\\/www.garciafaura.com\\\/wp-content\\\/uploads\\\/2023\\\/07\\\/Seu-SEM-Garcia-Faura-26.jpg&quot;},{&quot;src&quot;:&quot;https:\\\/\\\/www.garciafaura.com\\\/wp-content\\\/uploads\\\/2023\\\/07\\\/Seu-SEM-Garcia-Faura-25.jpg&quot;},{&quot;src&quot;:&quot;https:\\\/\\\/www.garciafaura.com\\\/wp-content\\\/uploads\\\/2023\\\/07\\\/Seu-SEM-Garcia-Faura-24.jpg&quot;},{&quot;src&quot;:&quot;https:\\\/\\\/www.garciafaura.com\\\/wp-content\\\/uploads\\\/2023\\\/07\\\/Seu-SEM-Garcia-Faura-23.jpg&quot;},{&quot;src&quot;:&quot;https:\\\/\\\/www.garciafaura.com\\\/wp-content\\\/uploads\\\/2023\\\/07\\\/Seu-SEM-Garcia-Faura-22.jpg&quot;},{&quot;src&quot;:&quot;https:\\\/\\\/www.garciafaura.com\\\/wp-content\\\/uploads\\\/2023\\\/07\\\/Seu-SEM-Garcia-Faura-21.jpg&quot;},{&quot;src&quot;:&quot;https:\\\/\\\/www.garciafaura.com\\\/wp-content\\\/uploads\\\/2023\\\/07\\\/Seu-SEM-Garcia-Faura-20.jpg&quot;},{&quot;src&quot;:&quot;https:\\\/\\\/www.garciafaura.com\\\/wp-content\\\/uploads\\\/2023\\\/07\\\/Seu-SEM-Garcia-Faura-19.jpg&quot;},{&quot;src&quot;:&quot;https:\\\/\\\/www.garciafaura.com\\\/wp-content\\\/uploads\\\/2023\\\/07\\\/Seu-SEM-Garcia-Faura-18.jpg&quot;},{&quot;src&quot;:&quot;https:\\\/\\\/www.garciafaura.com\\\/wp-content\\\/uploads\\\/2023\\\/07\\\/Seu-SEM-Garcia-Faura-17.jpg&quot;},{&quot;src&quot;:&quot;https:\\\/\\\/www.garciafaura.com\\\/wp-content\\\/uploads\\\/2023\\\/07\\\/Seu-SEM-Garcia-Faura-16.jpg&quot;},{&quot;src&quot;:&quot;https:\\\/\\\/www.garciafaura.com\\\/wp-content\\\/uploads\\\/2023\\\/07\\\/Seu-SEM-Garcia-Faura-15.jpg&quot;},{&quot;src&quot;:&quot;https:\\\/\\\/www.garciafaura.com\\\/wp-content\\\/uploads\\\/2023\\\/07\\\/Seu-SEM-Garcia-Faura-14.jpg&quot;},{&quot;src&quot;:&quot;https:\\\/\\\/www.garciafaura.com\\\/wp-content\\\/uploads\\\/2023\\\/07\\\/Seu-SEM-Garcia-Faura-13.jpg&quot;},{&quot;src&quot;:&quot;https:\\\/\\\/www.garciafaura.com\\\/wp-content\\\/uploads\\\/2023\\\/07\\\/Seu-SEM-Garcia-Faura-12.jpg&quot;},{&quot;src&quot;:&quot;https:\\\/\\\/www.garciafaura.com\\\/wp-content\\\/uploads\\\/2023\\\/07\\\/Seu-SEM-Garcia-Faura-11.jpg&quot;},{&quot;src&quot;:&quot;https:\\\/\\\/www.garciafaura.com\\\/wp-content\\\/uploads\\\/2023\\\/07\\\/Seu-SEM-Garcia-Faura-10.jpg&quot;},{&quot;src&quot;:&quot;https:\\\/\\\/www.garciafaura.com\\\/wp-content\\\/uploads\\\/2023\\\/07\\\/Seu-SEM-Garcia-Faura-9.jpg&quot;},{&quot;src&quot;:&quot;https:\\\/\\\/www.garciafaura.com\\\/wp-content\\\/uploads\\\/2023\\\/07\\\/Seu-SEM-Garcia-Faura-8.jpg&quot;},{&quot;src&quot;:&quot;https:\\\/\\\/www.garciafaura.com\\\/wp-content\\\/uploads\\\/2023\\\/07\\\/Seu-SEM-Garcia-Faura-7.jpg&quot;},{&quot;src&quot;:&quot;https:\\\/\\\/www.garciafaura.com\\\/wp-content\\\/uploads\\\/2023\\\/07\\\/Seu-SEM-Garcia-Faura-6.jpg&quot;},{&quot;src&quot;:&quot;https:\\\/\\\/www.garciafaura.com\\\/wp-content\\\/uploads\\\/2023\\\/07\\\/Seu-SEM-Garcia-Faura-5.jpg&quot;},{&quot;src&quot;:&quot;https:\\\/\\\/www.garciafaura.com\\\/wp-content\\\/uploads\\\/2023\\\/07\\\/Seu-SEM-Garcia-Faura-4.jpg&quot;},{&quot;src&quot;:&quot;https:\\\/\\\/www.garciafaura.com\\\/wp-content\\\/uploads\\\/2023\\\/07\\\/Seu-SEM-Garcia-Faura-3.jpg&quot;},{&quot;src&quot;:&quot;https:\\\/\\\/www.garciafaura.com\\\/wp-content\\\/uploads\\\/2023\\\/07\\\/Seu-SEM-Garcia-Faura-2.jpg&quot;},{&quot;src&quot;:&quot;https:\\\/\\\/www.garciafaura.com\\\/wp-content\\\/uploads\\\/2023\\\/07\\\/Seu-SEM-Garcia-Faura-1.jpg&quot;}]\"><img loading=\"lazy\" decoding=\"async\" data-no-lazy=\"1\" class=\"portfolio-entry-img skip-lazy\" src=\"https:\/\/www.garciafaura.com\/wp-content\/uploads\/2023\/07\/Seu-SEM-Garcia-Faura-23-600x314.jpg\" alt='' data-no-retina width=\"600\" height=\"314\" \/><\/a><\/div><div class=\"portfolio-entry-details entry-details wpex-clr\"><div class=\"match-height-content\"><h2 class=\"portfolio-entry-title entry-title\"><a href=\"https:\/\/www.garciafaura.com\/es\/portfolio-item\/nova-seu-del-servei-demergencies-mediques\/\" title=\"Nueva sede del SEM\">Nueva sede del SEM<\/a><\/h2><div class=\"portfolio-entry-categories entry-categories wpex-clr\"><a href=\"https:\/\/www.garciafaura.com\/es\/portfolio-category\/fachadas\/\" class=\"term-51\">Fachadas<\/a><\/div><\/div><\/div><\/div><\/div><div class=\"portfolio-entry vcex-grid-item entry-has-details span_1_of_3 col col-2 vcex-isotope-entry vcex-no-margin-entry post-32154 entry type-portfolio has-media cat-49 cat-51 cat-52 cat-58 cat-59 translation_priority-6\"><div class=\"portfolio-entry-inner entry-inner wpex-clr\"><div class=\"portfolio-entry-media entry-media wpex-clr\"><a href=\"https:\/\/www.garciafaura.com\/wp-content\/uploads\/2023\/06\/Garcia-Faura-Edifici-Novartis-1.jpg\" title=\"Rehabilitaci\u00f3n edificio Novartis Gran Via\" class=\"portfolio-entry-media-link wpex-lightbox-gallery\" data-gallery=\"[{&quot;src&quot;:&quot;https:\\\/\\\/www.garciafaura.com\\\/wp-content\\\/uploads\\\/2023\\\/06\\\/Garcia-Faura-Edifici-Novartis-1.jpg&quot;,&quot;title&quot;:&quot;Garcia Faura Edifici Novartis&quot;},{&quot;src&quot;:&quot;https:\\\/\\\/www.garciafaura.com\\\/wp-content\\\/uploads\\\/2023\\\/06\\\/Garcia-Faura-Edifici-Novartis-42.jpg&quot;,&quot;title&quot;:&quot;Garcia Faura Edifici Novartis&quot;},{&quot;src&quot;:&quot;https:\\\/\\\/www.garciafaura.com\\\/wp-content\\\/uploads\\\/2023\\\/06\\\/Garcia-Faura-Edifici-Novartis-41.jpg&quot;,&quot;title&quot;:&quot;Garcia Faura Edifici Novartis&quot;},{&quot;src&quot;:&quot;https:\\\/\\\/www.garciafaura.com\\\/wp-content\\\/uploads\\\/2023\\\/06\\\/Garcia-Faura-Edifici-Novartis-40.jpg&quot;,&quot;title&quot;:&quot;Garcia Faura Edifici Novartis&quot;},{&quot;src&quot;:&quot;https:\\\/\\\/www.garciafaura.com\\\/wp-content\\\/uploads\\\/2023\\\/06\\\/Garcia-Faura-Edifici-Novartis-39.jpg&quot;,&quot;title&quot;:&quot;Garcia Faura Edifici Novartis&quot;},{&quot;src&quot;:&quot;https:\\\/\\\/www.garciafaura.com\\\/wp-content\\\/uploads\\\/2023\\\/06\\\/Garcia-Faura-Edifici-Novartis-38.jpg&quot;,&quot;title&quot;:&quot;Garcia Faura Edifici Novartis&quot;},{&quot;src&quot;:&quot;https:\\\/\\\/www.garciafaura.com\\\/wp-content\\\/uploads\\\/2023\\\/06\\\/Garcia-Faura-Edifici-Novartis-37.jpg&quot;,&quot;title&quot;:&quot;Garcia Faura Edifici Novartis&quot;},{&quot;src&quot;:&quot;https:\\\/\\\/www.garciafaura.com\\\/wp-content\\\/uploads\\\/2023\\\/06\\\/Garcia-Faura-Edifici-Novartis-36.jpg&quot;,&quot;title&quot;:&quot;Garcia Faura Edifici Novartis&quot;},{&quot;src&quot;:&quot;https:\\\/\\\/www.garciafaura.com\\\/wp-content\\\/uploads\\\/2023\\\/06\\\/Garcia-Faura-Edifici-Novartis-35.jpg&quot;,&quot;title&quot;:&quot;Garcia Faura Edifici Novartis&quot;},{&quot;src&quot;:&quot;https:\\\/\\\/www.garciafaura.com\\\/wp-content\\\/uploads\\\/2023\\\/06\\\/Garcia-Faura-Edifici-Novartis-34.jpg&quot;,&quot;title&quot;:&quot;Garcia Faura Edifici Novartis&quot;},{&quot;src&quot;:&quot;https:\\\/\\\/www.garciafaura.com\\\/wp-content\\\/uploads\\\/2023\\\/06\\\/Garcia-Faura-Edifici-Novartis-33.jpg&quot;,&quot;title&quot;:&quot;Garcia Faura Edifici Novartis&quot;},{&quot;src&quot;:&quot;https:\\\/\\\/www.garciafaura.com\\\/wp-content\\\/uploads\\\/2023\\\/06\\\/Garcia-Faura-Edifici-Novartis-32.jpg&quot;,&quot;title&quot;:&quot;Garcia Faura Edifici Novartis&quot;},{&quot;src&quot;:&quot;https:\\\/\\\/www.garciafaura.com\\\/wp-content\\\/uploads\\\/2023\\\/06\\\/Garcia-Faura-Edifici-Novartis-31.jpg&quot;,&quot;title&quot;:&quot;Garcia Faura Edifici Novartis&quot;},{&quot;src&quot;:&quot;https:\\\/\\\/www.garciafaura.com\\\/wp-content\\\/uploads\\\/2023\\\/06\\\/Garcia-Faura-Edifici-Novartis-30.jpg&quot;,&quot;title&quot;:&quot;Garcia Faura Edifici Novartis&quot;},{&quot;src&quot;:&quot;https:\\\/\\\/www.garciafaura.com\\\/wp-content\\\/uploads\\\/2023\\\/06\\\/Garcia-Faura-Edifici-Novartis-29.jpg&quot;,&quot;title&quot;:&quot;Garcia Faura Edifici Novartis&quot;},{&quot;src&quot;:&quot;https:\\\/\\\/www.garciafaura.com\\\/wp-content\\\/uploads\\\/2023\\\/06\\\/Garcia-Faura-Edifici-Novartis-28.jpg&quot;,&quot;title&quot;:&quot;Garcia Faura Edifici Novartis&quot;},{&quot;src&quot;:&quot;https:\\\/\\\/www.garciafaura.com\\\/wp-content\\\/uploads\\\/2023\\\/06\\\/Garcia-Faura-Edifici-Novartis-27.jpg&quot;,&quot;title&quot;:&quot;Garcia Faura Edifici Novartis&quot;},{&quot;src&quot;:&quot;https:\\\/\\\/www.garciafaura.com\\\/wp-content\\\/uploads\\\/2023\\\/06\\\/Garcia-Faura-Edifici-Novartis-26.jpg&quot;,&quot;title&quot;:&quot;Garcia Faura Edifici Novartis&quot;},{&quot;src&quot;:&quot;https:\\\/\\\/www.garciafaura.com\\\/wp-content\\\/uploads\\\/2023\\\/06\\\/Garcia-Faura-Edifici-Novartis-25.jpg&quot;,&quot;title&quot;:&quot;Garcia Faura Edifici Novartis&quot;},{&quot;src&quot;:&quot;https:\\\/\\\/www.garciafaura.com\\\/wp-content\\\/uploads\\\/2023\\\/06\\\/Garcia-Faura-Edifici-Novartis-24.jpg&quot;,&quot;title&quot;:&quot;Garcia Faura Edifici Novartis&quot;},{&quot;src&quot;:&quot;https:\\\/\\\/www.garciafaura.com\\\/wp-content\\\/uploads\\\/2023\\\/06\\\/Garcia-Faura-Edifici-Novartis-23.jpg&quot;,&quot;title&quot;:&quot;Garcia Faura Edifici Novartis&quot;},{&quot;src&quot;:&quot;https:\\\/\\\/www.garciafaura.com\\\/wp-content\\\/uploads\\\/2023\\\/06\\\/Garcia-Faura-Edifici-Novartis-22.jpg&quot;,&quot;title&quot;:&quot;Garcia Faura Edifici Novartis&quot;},{&quot;src&quot;:&quot;https:\\\/\\\/www.garciafaura.com\\\/wp-content\\\/uploads\\\/2023\\\/06\\\/Garcia-Faura-Edifici-Novartis-21.jpg&quot;,&quot;title&quot;:&quot;Garcia Faura Edifici Novartis&quot;},{&quot;src&quot;:&quot;https:\\\/\\\/www.garciafaura.com\\\/wp-content\\\/uploads\\\/2023\\\/06\\\/Garcia-Faura-Edifici-Novartis-20.jpg&quot;,&quot;title&quot;:&quot;Garcia Faura Edifici Novartis&quot;},{&quot;src&quot;:&quot;https:\\\/\\\/www.garciafaura.com\\\/wp-content\\\/uploads\\\/2023\\\/06\\\/Garcia-Faura-Edifici-Novartis-19.jpg&quot;,&quot;title&quot;:&quot;Garcia Faura Edifici Novartis&quot;},{&quot;src&quot;:&quot;https:\\\/\\\/www.garciafaura.com\\\/wp-content\\\/uploads\\\/2023\\\/06\\\/Garcia-Faura-Edifici-Novartis-18.jpg&quot;,&quot;title&quot;:&quot;Garcia Faura Edifici Novartis&quot;},{&quot;src&quot;:&quot;https:\\\/\\\/www.garciafaura.com\\\/wp-content\\\/uploads\\\/2023\\\/06\\\/Garcia-Faura-Edifici-Novartis-17.jpg&quot;,&quot;title&quot;:&quot;Garcia Faura Edifici Novartis&quot;},{&quot;src&quot;:&quot;https:\\\/\\\/www.garciafaura.com\\\/wp-content\\\/uploads\\\/2023\\\/06\\\/Garcia-Faura-Edifici-Novartis-16.jpg&quot;,&quot;title&quot;:&quot;Garcia Faura Edifici Novartis&quot;},{&quot;src&quot;:&quot;https:\\\/\\\/www.garciafaura.com\\\/wp-content\\\/uploads\\\/2023\\\/06\\\/Garcia-Faura-Edifici-Novartis-15.jpg&quot;,&quot;title&quot;:&quot;Garcia Faura Edifici Novartis&quot;},{&quot;src&quot;:&quot;https:\\\/\\\/www.garciafaura.com\\\/wp-content\\\/uploads\\\/2023\\\/06\\\/Garcia-Faura-Edifici-Novartis-14.jpg&quot;,&quot;title&quot;:&quot;Garcia Faura Edifici Novartis&quot;},{&quot;src&quot;:&quot;https:\\\/\\\/www.garciafaura.com\\\/wp-content\\\/uploads\\\/2023\\\/06\\\/Garcia-Faura-Edifici-Novartis-13.jpg&quot;,&quot;title&quot;:&quot;Garcia Faura Edifici Novartis&quot;},{&quot;src&quot;:&quot;https:\\\/\\\/www.garciafaura.com\\\/wp-content\\\/uploads\\\/2023\\\/06\\\/Garcia-Faura-Edifici-Novartis-12.jpg&quot;,&quot;title&quot;:&quot;Garcia Faura Edifici Novartis&quot;},{&quot;src&quot;:&quot;https:\\\/\\\/www.garciafaura.com\\\/wp-content\\\/uploads\\\/2023\\\/06\\\/Garcia-Faura-Edifici-Novartis-11.jpg&quot;,&quot;title&quot;:&quot;Garcia Faura Edifici Novartis&quot;},{&quot;src&quot;:&quot;https:\\\/\\\/www.garciafaura.com\\\/wp-content\\\/uploads\\\/2023\\\/06\\\/Garcia-Faura-Edifici-Novartis-10.jpg&quot;,&quot;title&quot;:&quot;Garcia Faura Edifici Novartis&quot;},{&quot;src&quot;:&quot;https:\\\/\\\/www.garciafaura.com\\\/wp-content\\\/uploads\\\/2023\\\/06\\\/Garcia-Faura-Edifici-Novartis-9.jpg&quot;,&quot;title&quot;:&quot;Garcia Faura Edifici Novartis&quot;},{&quot;src&quot;:&quot;https:\\\/\\\/www.garciafaura.com\\\/wp-content\\\/uploads\\\/2023\\\/06\\\/Garcia-Faura-Edifici-Novartis-8.jpg&quot;,&quot;title&quot;:&quot;Garcia Faura Edifici Novartis&quot;},{&quot;src&quot;:&quot;https:\\\/\\\/www.garciafaura.com\\\/wp-content\\\/uploads\\\/2023\\\/06\\\/Garcia-Faura-Edifici-Novartis-7.jpg&quot;,&quot;title&quot;:&quot;Garcia Faura Edifici Novartis&quot;},{&quot;src&quot;:&quot;https:\\\/\\\/www.garciafaura.com\\\/wp-content\\\/uploads\\\/2023\\\/06\\\/Garcia-Faura-Edifici-Novartis-6.jpg&quot;,&quot;title&quot;:&quot;Garcia Faura Edifici Novartis&quot;},{&quot;src&quot;:&quot;https:\\\/\\\/www.garciafaura.com\\\/wp-content\\\/uploads\\\/2023\\\/06\\\/Garcia-Faura-Edifici-Novartis-5.jpg&quot;,&quot;title&quot;:&quot;Garcia Faura Edifici Novartis&quot;},{&quot;src&quot;:&quot;https:\\\/\\\/www.garciafaura.com\\\/wp-content\\\/uploads\\\/2023\\\/06\\\/Garcia-Faura-Edifici-Novartis-4.jpg&quot;,&quot;title&quot;:&quot;Garcia Faura Edifici Novartis&quot;},{&quot;src&quot;:&quot;https:\\\/\\\/www.garciafaura.com\\\/wp-content\\\/uploads\\\/2023\\\/06\\\/Garcia-Faura-Edifici-Novartis-3.jpg&quot;,&quot;title&quot;:&quot;Garcia Faura Edifici Novartis&quot;},{&quot;src&quot;:&quot;https:\\\/\\\/www.garciafaura.com\\\/wp-content\\\/uploads\\\/2023\\\/06\\\/Garcia-Faura-Edifici-Novartis-2.jpg&quot;,&quot;title&quot;:&quot;Garcia Faura Edifici Novartis&quot;}]\"><img loading=\"lazy\" decoding=\"async\" data-no-lazy=\"1\" class=\"portfolio-entry-img skip-lazy\" src=\"https:\/\/www.garciafaura.com\/wp-content\/uploads\/2023\/06\/Garcia-Faura-Edifici-Novartis-1-600x314.jpg\" alt=\"Garcia Faura Edifici Novartis\" data-no-retina width=\"600\" height=\"314\" \/><\/a><\/div><div class=\"portfolio-entry-details entry-details wpex-clr\"><div class=\"match-height-content\"><h2 class=\"portfolio-entry-title entry-title\"><a href=\"https:\/\/www.garciafaura.com\/es\/portfolio-item\/rehabilitacio-edifici-novartis-gran-via\/\" title=\"Rehabilitaci\u00f3n edificio Novartis Gran Via\">Rehabilitaci\u00f3n edificio Novartis Gran Via<\/a><\/h2><div class=\"portfolio-entry-categories entry-categories wpex-clr\"><a href=\"https:\/\/www.garciafaura.com\/es\/portfolio-category\/fachadas-destacado\/\" class=\"term-52\">Fachadas Destacado<\/a><\/div><\/div><\/div><\/div><\/div><div class=\"portfolio-entry vcex-grid-item entry-has-details span_1_of_3 col col-3 vcex-isotope-entry vcex-no-margin-entry post-31255 entry type-portfolio has-media cat-51 cat-52 cat-53 cat-54 cat-58 cat-59 translation_priority-6\"><div class=\"portfolio-entry-inner entry-inner wpex-clr\"><div class=\"portfolio-entry-media entry-media wpex-clr\"><a href=\"https:\/\/www.garciafaura.com\/wp-content\/uploads\/2023\/02\/Hotel-NH-Calderon-50.jpg\" title=\"Hotel NH Calder\u00f3n\" class=\"portfolio-entry-media-link wpex-lightbox-gallery\" data-gallery=\"[{&quot;src&quot;:&quot;https:\\\/\\\/www.garciafaura.com\\\/wp-content\\\/uploads\\\/2023\\\/02\\\/Hotel-NH-Calderon-50.jpg&quot;},{&quot;src&quot;:&quot;https:\\\/\\\/www.garciafaura.com\\\/wp-content\\\/uploads\\\/2023\\\/02\\\/Hotel-NH-Calderon-1.jpg&quot;},{&quot;src&quot;:&quot;https:\\\/\\\/www.garciafaura.com\\\/wp-content\\\/uploads\\\/2023\\\/02\\\/Hotel-NH-Calderon-49.jpg&quot;},{&quot;src&quot;:&quot;https:\\\/\\\/www.garciafaura.com\\\/wp-content\\\/uploads\\\/2023\\\/02\\\/Hotel-NH-Calderon-48.jpg&quot;},{&quot;src&quot;:&quot;https:\\\/\\\/www.garciafaura.com\\\/wp-content\\\/uploads\\\/2023\\\/02\\\/Hotel-NH-Calderon-47.jpg&quot;},{&quot;src&quot;:&quot;https:\\\/\\\/www.garciafaura.com\\\/wp-content\\\/uploads\\\/2023\\\/02\\\/Hotel-NH-Calderon-46.jpg&quot;},{&quot;src&quot;:&quot;https:\\\/\\\/www.garciafaura.com\\\/wp-content\\\/uploads\\\/2023\\\/02\\\/Hotel-NH-Calderon-45.jpg&quot;},{&quot;src&quot;:&quot;https:\\\/\\\/www.garciafaura.com\\\/wp-content\\\/uploads\\\/2023\\\/02\\\/Hotel-NH-Calderon-44.jpg&quot;},{&quot;src&quot;:&quot;https:\\\/\\\/www.garciafaura.com\\\/wp-content\\\/uploads\\\/2023\\\/02\\\/Hotel-NH-Calderon-43.jpg&quot;},{&quot;src&quot;:&quot;https:\\\/\\\/www.garciafaura.com\\\/wp-content\\\/uploads\\\/2023\\\/02\\\/Hotel-NH-Calderon-42.jpg&quot;},{&quot;src&quot;:&quot;https:\\\/\\\/www.garciafaura.com\\\/wp-content\\\/uploads\\\/2023\\\/02\\\/Hotel-NH-Calderon-41.jpg&quot;},{&quot;src&quot;:&quot;https:\\\/\\\/www.garciafaura.com\\\/wp-content\\\/uploads\\\/2023\\\/02\\\/Hotel-NH-Calderon-40.jpg&quot;},{&quot;src&quot;:&quot;https:\\\/\\\/www.garciafaura.com\\\/wp-content\\\/uploads\\\/2023\\\/02\\\/Hotel-NH-Calderon-39.jpg&quot;},{&quot;src&quot;:&quot;https:\\\/\\\/www.garciafaura.com\\\/wp-content\\\/uploads\\\/2023\\\/02\\\/Hotel-NH-Calderon-38.jpg&quot;},{&quot;src&quot;:&quot;https:\\\/\\\/www.garciafaura.com\\\/wp-content\\\/uploads\\\/2023\\\/02\\\/Hotel-NH-Calderon-37.jpg&quot;},{&quot;src&quot;:&quot;https:\\\/\\\/www.garciafaura.com\\\/wp-content\\\/uploads\\\/2023\\\/02\\\/Hotel-NH-Calderon-36.jpg&quot;},{&quot;src&quot;:&quot;https:\\\/\\\/www.garciafaura.com\\\/wp-content\\\/uploads\\\/2023\\\/02\\\/Hotel-NH-Calderon-35.jpg&quot;},{&quot;src&quot;:&quot;https:\\\/\\\/www.garciafaura.com\\\/wp-content\\\/uploads\\\/2023\\\/02\\\/Hotel-NH-Calderon-34.jpg&quot;},{&quot;src&quot;:&quot;https:\\\/\\\/www.garciafaura.com\\\/wp-content\\\/uploads\\\/2023\\\/02\\\/Hotel-NH-Calderon-33.jpg&quot;},{&quot;src&quot;:&quot;https:\\\/\\\/www.garciafaura.com\\\/wp-content\\\/uploads\\\/2023\\\/02\\\/Hotel-NH-Calderon-32.jpg&quot;},{&quot;src&quot;:&quot;https:\\\/\\\/www.garciafaura.com\\\/wp-content\\\/uploads\\\/2023\\\/02\\\/Hotel-NH-Calderon-31.jpg&quot;},{&quot;src&quot;:&quot;https:\\\/\\\/www.garciafaura.com\\\/wp-content\\\/uploads\\\/2023\\\/02\\\/Hotel-NH-Calderon-30.jpg&quot;},{&quot;src&quot;:&quot;https:\\\/\\\/www.garciafaura.com\\\/wp-content\\\/uploads\\\/2023\\\/02\\\/Hotel-NH-Calderon-29.jpg&quot;},{&quot;src&quot;:&quot;https:\\\/\\\/www.garciafaura.com\\\/wp-content\\\/uploads\\\/2023\\\/02\\\/Hotel-NH-Calderon-28.jpg&quot;},{&quot;src&quot;:&quot;https:\\\/\\\/www.garciafaura.com\\\/wp-content\\\/uploads\\\/2023\\\/02\\\/Hotel-NH-Calderon-27.jpg&quot;},{&quot;src&quot;:&quot;https:\\\/\\\/www.garciafaura.com\\\/wp-content\\\/uploads\\\/2023\\\/02\\\/Hotel-NH-Calderon-26.jpg&quot;},{&quot;src&quot;:&quot;https:\\\/\\\/www.garciafaura.com\\\/wp-content\\\/uploads\\\/2023\\\/02\\\/Hotel-NH-Calderon-25.jpg&quot;},{&quot;src&quot;:&quot;https:\\\/\\\/www.garciafaura.com\\\/wp-content\\\/uploads\\\/2023\\\/02\\\/Hotel-NH-Calderon-24.jpg&quot;},{&quot;src&quot;:&quot;https:\\\/\\\/www.garciafaura.com\\\/wp-content\\\/uploads\\\/2023\\\/02\\\/Hotel-NH-Calderon-23.jpg&quot;},{&quot;src&quot;:&quot;https:\\\/\\\/www.garciafaura.com\\\/wp-content\\\/uploads\\\/2023\\\/02\\\/Hotel-NH-Calderon-22.jpg&quot;},{&quot;src&quot;:&quot;https:\\\/\\\/www.garciafaura.com\\\/wp-content\\\/uploads\\\/2023\\\/02\\\/Hotel-NH-Calderon-21.jpg&quot;},{&quot;src&quot;:&quot;https:\\\/\\\/www.garciafaura.com\\\/wp-content\\\/uploads\\\/2023\\\/02\\\/Hotel-NH-Calderon-20.jpg&quot;},{&quot;src&quot;:&quot;https:\\\/\\\/www.garciafaura.com\\\/wp-content\\\/uploads\\\/2023\\\/02\\\/Hotel-NH-Calderon-19.jpg&quot;},{&quot;src&quot;:&quot;https:\\\/\\\/www.garciafaura.com\\\/wp-content\\\/uploads\\\/2023\\\/02\\\/Hotel-NH-Calderon-18.jpg&quot;},{&quot;src&quot;:&quot;https:\\\/\\\/www.garciafaura.com\\\/wp-content\\\/uploads\\\/2023\\\/02\\\/Hotel-NH-Calderon-17.jpg&quot;},{&quot;src&quot;:&quot;https:\\\/\\\/www.garciafaura.com\\\/wp-content\\\/uploads\\\/2023\\\/02\\\/Hotel-NH-Calderon-16.jpg&quot;},{&quot;src&quot;:&quot;https:\\\/\\\/www.garciafaura.com\\\/wp-content\\\/uploads\\\/2023\\\/02\\\/Hotel-NH-Calderon-15.jpg&quot;},{&quot;src&quot;:&quot;https:\\\/\\\/www.garciafaura.com\\\/wp-content\\\/uploads\\\/2023\\\/02\\\/Hotel-NH-Calderon-14.jpg&quot;},{&quot;src&quot;:&quot;https:\\\/\\\/www.garciafaura.com\\\/wp-content\\\/uploads\\\/2023\\\/02\\\/Hotel-NH-Calderon-13.jpg&quot;},{&quot;src&quot;:&quot;https:\\\/\\\/www.garciafaura.com\\\/wp-content\\\/uploads\\\/2023\\\/02\\\/Hotel-NH-Calderon-12.jpg&quot;},{&quot;src&quot;:&quot;https:\\\/\\\/www.garciafaura.com\\\/wp-content\\\/uploads\\\/2023\\\/02\\\/Hotel-NH-Calderon-11.jpg&quot;},{&quot;src&quot;:&quot;https:\\\/\\\/www.garciafaura.com\\\/wp-content\\\/uploads\\\/2023\\\/02\\\/Hotel-NH-Calderon-10.jpg&quot;},{&quot;src&quot;:&quot;https:\\\/\\\/www.garciafaura.com\\\/wp-content\\\/uploads\\\/2023\\\/02\\\/Hotel-NH-Calderon-9.jpg&quot;},{&quot;src&quot;:&quot;https:\\\/\\\/www.garciafaura.com\\\/wp-content\\\/uploads\\\/2023\\\/02\\\/Hotel-NH-Calderon-8.jpg&quot;},{&quot;src&quot;:&quot;https:\\\/\\\/www.garciafaura.com\\\/wp-content\\\/uploads\\\/2023\\\/02\\\/Hotel-NH-Calderon-7.jpg&quot;},{&quot;src&quot;:&quot;https:\\\/\\\/www.garciafaura.com\\\/wp-content\\\/uploads\\\/2023\\\/02\\\/Hotel-NH-Calderon-6.jpg&quot;},{&quot;src&quot;:&quot;https:\\\/\\\/www.garciafaura.com\\\/wp-content\\\/uploads\\\/2023\\\/02\\\/Hotel-NH-Calderon-5.jpg&quot;},{&quot;src&quot;:&quot;https:\\\/\\\/www.garciafaura.com\\\/wp-content\\\/uploads\\\/2023\\\/02\\\/Hotel-NH-Calderon-4.jpg&quot;},{&quot;src&quot;:&quot;https:\\\/\\\/www.garciafaura.com\\\/wp-content\\\/uploads\\\/2023\\\/02\\\/Hotel-NH-Calderon-3.jpg&quot;},{&quot;src&quot;:&quot;https:\\\/\\\/www.garciafaura.com\\\/wp-content\\\/uploads\\\/2023\\\/02\\\/Hotel-NH-Calderon-2.jpg&quot;}]\"><img loading=\"lazy\" decoding=\"async\" data-no-lazy=\"1\" class=\"portfolio-entry-img skip-lazy\" src=\"https:\/\/www.garciafaura.com\/wp-content\/uploads\/2023\/02\/Hotel-NH-Calderon-50-600x314.jpg\" alt='' data-no-retina width=\"600\" height=\"314\" \/><\/a><\/div><div class=\"portfolio-entry-details entry-details wpex-clr\"><div class=\"match-height-content\"><h2 class=\"portfolio-entry-title entry-title\"><a href=\"https:\/\/www.garciafaura.com\/es\/portfolio-item\/hotel-nh-calderon\/\" title=\"Hotel NH Calder\u00f3n\">Hotel NH Calder\u00f3n<\/a><\/h2><div class=\"portfolio-entry-categories entry-categories wpex-clr\"><a href=\"https:\/\/www.garciafaura.com\/es\/portfolio-category\/fachadas\/\" class=\"term-51\">Fachadas<\/a><\/div><\/div><\/div><\/div><\/div><div class=\"portfolio-entry vcex-grid-item entry-has-details span_1_of_3 col col-1 vcex-isotope-entry vcex-no-margin-entry post-31247 entry type-portfolio has-media cat-51 cat-52 cat-53 cat-54 translation_priority-6\"><div class=\"portfolio-entry-inner entry-inner wpex-clr\"><div class=\"portfolio-entry-media entry-media wpex-clr\"><a href=\"https:\/\/www.garciafaura.com\/wp-content\/uploads\/2023\/02\/Hotel-SB-Sant-Feliu-Llobregat-16.jpg\" title=\"Hotel SB Sant Feliu de Llobregat\" class=\"portfolio-entry-media-link wpex-lightbox-gallery\" data-gallery=\"[{&quot;src&quot;:&quot;https:\\\/\\\/www.garciafaura.com\\\/wp-content\\\/uploads\\\/2023\\\/02\\\/Hotel-SB-Sant-Feliu-Llobregat-16.jpg&quot;},{&quot;src&quot;:&quot;https:\\\/\\\/www.garciafaura.com\\\/wp-content\\\/uploads\\\/2023\\\/02\\\/Hotel-SB-Sant-Feliu-Llobregat-37.jpg&quot;},{&quot;src&quot;:&quot;https:\\\/\\\/www.garciafaura.com\\\/wp-content\\\/uploads\\\/2023\\\/02\\\/Hotel-SB-Sant-Feliu-Llobregat-36.jpg&quot;},{&quot;src&quot;:&quot;https:\\\/\\\/www.garciafaura.com\\\/wp-content\\\/uploads\\\/2023\\\/02\\\/Hotel-SB-Sant-Feliu-Llobregat-35.jpg&quot;},{&quot;src&quot;:&quot;https:\\\/\\\/www.garciafaura.com\\\/wp-content\\\/uploads\\\/2023\\\/02\\\/Hotel-SB-Sant-Feliu-Llobregat-34.jpg&quot;},{&quot;src&quot;:&quot;https:\\\/\\\/www.garciafaura.com\\\/wp-content\\\/uploads\\\/2023\\\/02\\\/Hotel-SB-Sant-Feliu-Llobregat-33.jpg&quot;},{&quot;src&quot;:&quot;https:\\\/\\\/www.garciafaura.com\\\/wp-content\\\/uploads\\\/2023\\\/02\\\/Hotel-SB-Sant-Feliu-Llobregat-32.jpg&quot;},{&quot;src&quot;:&quot;https:\\\/\\\/www.garciafaura.com\\\/wp-content\\\/uploads\\\/2023\\\/02\\\/Hotel-SB-Sant-Feliu-Llobregat-31.jpg&quot;},{&quot;src&quot;:&quot;https:\\\/\\\/www.garciafaura.com\\\/wp-content\\\/uploads\\\/2023\\\/02\\\/Hotel-SB-Sant-Feliu-Llobregat-30.jpg&quot;},{&quot;src&quot;:&quot;https:\\\/\\\/www.garciafaura.com\\\/wp-content\\\/uploads\\\/2023\\\/02\\\/Hotel-SB-Sant-Feliu-Llobregat-29.jpg&quot;},{&quot;src&quot;:&quot;https:\\\/\\\/www.garciafaura.com\\\/wp-content\\\/uploads\\\/2023\\\/02\\\/Hotel-SB-Sant-Feliu-Llobregat-28.jpg&quot;},{&quot;src&quot;:&quot;https:\\\/\\\/www.garciafaura.com\\\/wp-content\\\/uploads\\\/2023\\\/02\\\/Hotel-SB-Sant-Feliu-Llobregat-27.jpg&quot;},{&quot;src&quot;:&quot;https:\\\/\\\/www.garciafaura.com\\\/wp-content\\\/uploads\\\/2023\\\/02\\\/Hotel-SB-Sant-Feliu-Llobregat-26.jpg&quot;},{&quot;src&quot;:&quot;https:\\\/\\\/www.garciafaura.com\\\/wp-content\\\/uploads\\\/2023\\\/02\\\/Hotel-SB-Sant-Feliu-Llobregat-25.jpg&quot;},{&quot;src&quot;:&quot;https:\\\/\\\/www.garciafaura.com\\\/wp-content\\\/uploads\\\/2023\\\/02\\\/Hotel-SB-Sant-Feliu-Llobregat-24.jpg&quot;},{&quot;src&quot;:&quot;https:\\\/\\\/www.garciafaura.com\\\/wp-content\\\/uploads\\\/2023\\\/02\\\/Hotel-SB-Sant-Feliu-Llobregat-23.jpg&quot;},{&quot;src&quot;:&quot;https:\\\/\\\/www.garciafaura.com\\\/wp-content\\\/uploads\\\/2023\\\/02\\\/Hotel-SB-Sant-Feliu-Llobregat-22.jpg&quot;},{&quot;src&quot;:&quot;https:\\\/\\\/www.garciafaura.com\\\/wp-content\\\/uploads\\\/2023\\\/02\\\/Hotel-SB-Sant-Feliu-Llobregat-21.jpg&quot;},{&quot;src&quot;:&quot;https:\\\/\\\/www.garciafaura.com\\\/wp-content\\\/uploads\\\/2023\\\/02\\\/Hotel-SB-Sant-Feliu-Llobregat-20.jpg&quot;},{&quot;src&quot;:&quot;https:\\\/\\\/www.garciafaura.com\\\/wp-content\\\/uploads\\\/2023\\\/02\\\/Hotel-SB-Sant-Feliu-Llobregat-19.jpg&quot;},{&quot;src&quot;:&quot;https:\\\/\\\/www.garciafaura.com\\\/wp-content\\\/uploads\\\/2023\\\/02\\\/Hotel-SB-Sant-Feliu-Llobregat-18.jpg&quot;},{&quot;src&quot;:&quot;https:\\\/\\\/www.garciafaura.com\\\/wp-content\\\/uploads\\\/2023\\\/02\\\/Hotel-SB-Sant-Feliu-Llobregat-17.jpg&quot;},{&quot;src&quot;:&quot;https:\\\/\\\/www.garciafaura.com\\\/wp-content\\\/uploads\\\/2023\\\/02\\\/Hotel-SB-Sant-Feliu-Llobregat-15.jpg&quot;},{&quot;src&quot;:&quot;https:\\\/\\\/www.garciafaura.com\\\/wp-content\\\/uploads\\\/2023\\\/02\\\/Hotel-SB-Sant-Feliu-Llobregat-14.jpg&quot;},{&quot;src&quot;:&quot;https:\\\/\\\/www.garciafaura.com\\\/wp-content\\\/uploads\\\/2023\\\/02\\\/Hotel-SB-Sant-Feliu-Llobregat-13.jpg&quot;},{&quot;src&quot;:&quot;https:\\\/\\\/www.garciafaura.com\\\/wp-content\\\/uploads\\\/2023\\\/02\\\/Hotel-SB-Sant-Feliu-Llobregat-12.jpg&quot;},{&quot;src&quot;:&quot;https:\\\/\\\/www.garciafaura.com\\\/wp-content\\\/uploads\\\/2023\\\/02\\\/Hotel-SB-Sant-Feliu-Llobregat-11.jpg&quot;},{&quot;src&quot;:&quot;https:\\\/\\\/www.garciafaura.com\\\/wp-content\\\/uploads\\\/2023\\\/02\\\/Hotel-SB-Sant-Feliu-Llobregat-10.jpg&quot;},{&quot;src&quot;:&quot;https:\\\/\\\/www.garciafaura.com\\\/wp-content\\\/uploads\\\/2023\\\/02\\\/Hotel-SB-Sant-Feliu-Llobregat-9.jpg&quot;},{&quot;src&quot;:&quot;https:\\\/\\\/www.garciafaura.com\\\/wp-content\\\/uploads\\\/2023\\\/02\\\/Hotel-SB-Sant-Feliu-Llobregat-8.jpg&quot;},{&quot;src&quot;:&quot;https:\\\/\\\/www.garciafaura.com\\\/wp-content\\\/uploads\\\/2023\\\/02\\\/Hotel-SB-Sant-Feliu-Llobregat-7.jpg&quot;},{&quot;src&quot;:&quot;https:\\\/\\\/www.garciafaura.com\\\/wp-content\\\/uploads\\\/2023\\\/02\\\/Hotel-SB-Sant-Feliu-Llobregat-6.jpg&quot;},{&quot;src&quot;:&quot;https:\\\/\\\/www.garciafaura.com\\\/wp-content\\\/uploads\\\/2023\\\/02\\\/Hotel-SB-Sant-Feliu-Llobregat-5.jpg&quot;},{&quot;src&quot;:&quot;https:\\\/\\\/www.garciafaura.com\\\/wp-content\\\/uploads\\\/2023\\\/02\\\/Hotel-SB-Sant-Feliu-Llobregat-4.jpg&quot;},{&quot;src&quot;:&quot;https:\\\/\\\/www.garciafaura.com\\\/wp-content\\\/uploads\\\/2023\\\/02\\\/Hotel-SB-Sant-Feliu-Llobregat-3.jpg&quot;},{&quot;src&quot;:&quot;https:\\\/\\\/www.garciafaura.com\\\/wp-content\\\/uploads\\\/2023\\\/02\\\/Hotel-SB-Sant-Feliu-Llobregat-2.jpg&quot;},{&quot;src&quot;:&quot;https:\\\/\\\/www.garciafaura.com\\\/wp-content\\\/uploads\\\/2023\\\/02\\\/Hotel-SB-Sant-Feliu-Llobregat-1.jpg&quot;}]\"><img loading=\"lazy\" decoding=\"async\" data-no-lazy=\"1\" class=\"portfolio-entry-img skip-lazy\" src=\"https:\/\/www.garciafaura.com\/wp-content\/uploads\/2023\/02\/Hotel-SB-Sant-Feliu-Llobregat-16-600x314.jpg\" alt='' data-no-retina width=\"600\" height=\"314\" \/><\/a><\/div><div class=\"portfolio-entry-details entry-details wpex-clr\"><div class=\"match-height-content\"><h2 class=\"portfolio-entry-title entry-title\"><a href=\"https:\/\/www.garciafaura.com\/es\/portfolio-item\/hotel-sb-sant-feliu-de-llobregat\/\" title=\"Hotel SB Sant Feliu de Llobregat\">Hotel SB Sant Feliu de Llobregat<\/a><\/h2><div class=\"portfolio-entry-categories entry-categories wpex-clr\"><a href=\"https:\/\/www.garciafaura.com\/es\/portfolio-category\/fachadas-destacado\/\" class=\"term-52\">Fachadas Destacado<\/a><\/div><\/div><\/div><\/div><\/div><div class=\"portfolio-entry vcex-grid-item entry-has-details span_1_of_3 col col-2 vcex-isotope-entry vcex-no-margin-entry post-31062 entry type-portfolio has-media cat-51 cat-52 cat-53 cat-54 translation_priority-6\"><div class=\"portfolio-entry-inner entry-inner wpex-clr\"><div class=\"portfolio-entry-media entry-media wpex-clr\"><a href=\"https:\/\/www.garciafaura.com\/wp-content\/uploads\/2022\/11\/Hotel-Bitagora-33.jpg\" title=\"Hotel Bit\u00e0gora\" class=\"portfolio-entry-media-link wpex-lightbox-gallery\" data-gallery=\"[{&quot;src&quot;:&quot;https:\\\/\\\/www.garciafaura.com\\\/wp-content\\\/uploads\\\/2022\\\/11\\\/Hotel-Bitagora-33.jpg&quot;},{&quot;src&quot;:&quot;https:\\\/\\\/www.garciafaura.com\\\/wp-content\\\/uploads\\\/2022\\\/11\\\/Hotel-Bitagora-44.jpg&quot;},{&quot;src&quot;:&quot;https:\\\/\\\/www.garciafaura.com\\\/wp-content\\\/uploads\\\/2022\\\/11\\\/Hotel-Bitagora-43.jpg&quot;},{&quot;src&quot;:&quot;https:\\\/\\\/www.garciafaura.com\\\/wp-content\\\/uploads\\\/2022\\\/11\\\/Hotel-Bitagora-42.jpg&quot;},{&quot;src&quot;:&quot;https:\\\/\\\/www.garciafaura.com\\\/wp-content\\\/uploads\\\/2022\\\/11\\\/Hotel-Bitagora-41.jpg&quot;},{&quot;src&quot;:&quot;https:\\\/\\\/www.garciafaura.com\\\/wp-content\\\/uploads\\\/2022\\\/11\\\/Hotel-Bitagora-40.jpg&quot;},{&quot;src&quot;:&quot;https:\\\/\\\/www.garciafaura.com\\\/wp-content\\\/uploads\\\/2022\\\/11\\\/Hotel-Bitagora-39.jpg&quot;},{&quot;src&quot;:&quot;https:\\\/\\\/www.garciafaura.com\\\/wp-content\\\/uploads\\\/2022\\\/11\\\/Hotel-Bitagora-38.jpg&quot;},{&quot;src&quot;:&quot;https:\\\/\\\/www.garciafaura.com\\\/wp-content\\\/uploads\\\/2022\\\/11\\\/Hotel-Bitagora-37.jpg&quot;},{&quot;src&quot;:&quot;https:\\\/\\\/www.garciafaura.com\\\/wp-content\\\/uploads\\\/2022\\\/11\\\/Hotel-Bitagora-36.jpg&quot;},{&quot;src&quot;:&quot;https:\\\/\\\/www.garciafaura.com\\\/wp-content\\\/uploads\\\/2022\\\/11\\\/Hotel-Bitagora-35.jpg&quot;},{&quot;src&quot;:&quot;https:\\\/\\\/www.garciafaura.com\\\/wp-content\\\/uploads\\\/2022\\\/11\\\/Hotel-Bitagora-34.jpg&quot;},{&quot;src&quot;:&quot;https:\\\/\\\/www.garciafaura.com\\\/wp-content\\\/uploads\\\/2022\\\/11\\\/Hotel-Bitagora-32.jpg&quot;},{&quot;src&quot;:&quot;https:\\\/\\\/www.garciafaura.com\\\/wp-content\\\/uploads\\\/2022\\\/11\\\/Hotel-Bitagora-31.jpg&quot;},{&quot;src&quot;:&quot;https:\\\/\\\/www.garciafaura.com\\\/wp-content\\\/uploads\\\/2022\\\/11\\\/Hotel-Bitagora-30.jpg&quot;},{&quot;src&quot;:&quot;https:\\\/\\\/www.garciafaura.com\\\/wp-content\\\/uploads\\\/2022\\\/11\\\/Hotel-Bitagora-29.jpg&quot;},{&quot;src&quot;:&quot;https:\\\/\\\/www.garciafaura.com\\\/wp-content\\\/uploads\\\/2022\\\/11\\\/Hotel-Bitagora-28.jpg&quot;},{&quot;src&quot;:&quot;https:\\\/\\\/www.garciafaura.com\\\/wp-content\\\/uploads\\\/2022\\\/11\\\/Hotel-Bitagora-27.jpg&quot;},{&quot;src&quot;:&quot;https:\\\/\\\/www.garciafaura.com\\\/wp-content\\\/uploads\\\/2022\\\/11\\\/Hotel-Bitagora-26.jpg&quot;},{&quot;src&quot;:&quot;https:\\\/\\\/www.garciafaura.com\\\/wp-content\\\/uploads\\\/2022\\\/11\\\/Hotel-Bitagora-25.jpg&quot;},{&quot;src&quot;:&quot;https:\\\/\\\/www.garciafaura.com\\\/wp-content\\\/uploads\\\/2022\\\/11\\\/Hotel-Bitagora-24.jpg&quot;},{&quot;src&quot;:&quot;https:\\\/\\\/www.garciafaura.com\\\/wp-content\\\/uploads\\\/2022\\\/11\\\/Hotel-Bitagora-23.jpg&quot;},{&quot;src&quot;:&quot;https:\\\/\\\/www.garciafaura.com\\\/wp-content\\\/uploads\\\/2022\\\/11\\\/Hotel-Bitagora-22.jpg&quot;},{&quot;src&quot;:&quot;https:\\\/\\\/www.garciafaura.com\\\/wp-content\\\/uploads\\\/2022\\\/11\\\/Hotel-Bitagora-21.jpg&quot;},{&quot;src&quot;:&quot;https:\\\/\\\/www.garciafaura.com\\\/wp-content\\\/uploads\\\/2022\\\/11\\\/Hotel-Bitagora-20.jpg&quot;},{&quot;src&quot;:&quot;https:\\\/\\\/www.garciafaura.com\\\/wp-content\\\/uploads\\\/2022\\\/11\\\/Hotel-Bitagora-19.jpg&quot;},{&quot;src&quot;:&quot;https:\\\/\\\/www.garciafaura.com\\\/wp-content\\\/uploads\\\/2022\\\/11\\\/Hotel-Bitagora-18.jpg&quot;},{&quot;src&quot;:&quot;https:\\\/\\\/www.garciafaura.com\\\/wp-content\\\/uploads\\\/2022\\\/11\\\/Hotel-Bitagora-17.jpg&quot;},{&quot;src&quot;:&quot;https:\\\/\\\/www.garciafaura.com\\\/wp-content\\\/uploads\\\/2022\\\/11\\\/Hotel-Bitagora-16.jpg&quot;},{&quot;src&quot;:&quot;https:\\\/\\\/www.garciafaura.com\\\/wp-content\\\/uploads\\\/2022\\\/11\\\/Hotel-Bitagora-15.jpg&quot;},{&quot;src&quot;:&quot;https:\\\/\\\/www.garciafaura.com\\\/wp-content\\\/uploads\\\/2022\\\/11\\\/Hotel-Bitagora-14.jpg&quot;},{&quot;src&quot;:&quot;https:\\\/\\\/www.garciafaura.com\\\/wp-content\\\/uploads\\\/2022\\\/11\\\/Hotel-Bitagora-13.jpg&quot;},{&quot;src&quot;:&quot;https:\\\/\\\/www.garciafaura.com\\\/wp-content\\\/uploads\\\/2022\\\/11\\\/Hotel-Bitagora-12.jpg&quot;},{&quot;src&quot;:&quot;https:\\\/\\\/www.garciafaura.com\\\/wp-content\\\/uploads\\\/2022\\\/11\\\/Hotel-Bitagora-11.jpg&quot;},{&quot;src&quot;:&quot;https:\\\/\\\/www.garciafaura.com\\\/wp-content\\\/uploads\\\/2022\\\/11\\\/Hotel-Bitagora-10.jpg&quot;},{&quot;src&quot;:&quot;https:\\\/\\\/www.garciafaura.com\\\/wp-content\\\/uploads\\\/2022\\\/11\\\/Hotel-Bitagora-9.jpg&quot;},{&quot;src&quot;:&quot;https:\\\/\\\/www.garciafaura.com\\\/wp-content\\\/uploads\\\/2022\\\/11\\\/Hotel-Bitagora-8.jpg&quot;},{&quot;src&quot;:&quot;https:\\\/\\\/www.garciafaura.com\\\/wp-content\\\/uploads\\\/2022\\\/11\\\/Hotel-Bitagora-7.jpg&quot;},{&quot;src&quot;:&quot;https:\\\/\\\/www.garciafaura.com\\\/wp-content\\\/uploads\\\/2022\\\/11\\\/Hotel-Bitagora-6.jpg&quot;},{&quot;src&quot;:&quot;https:\\\/\\\/www.garciafaura.com\\\/wp-content\\\/uploads\\\/2022\\\/11\\\/Hotel-Bitagora-5.jpg&quot;},{&quot;src&quot;:&quot;https:\\\/\\\/www.garciafaura.com\\\/wp-content\\\/uploads\\\/2022\\\/11\\\/Hotel-Bitagora-4.jpg&quot;},{&quot;src&quot;:&quot;https:\\\/\\\/www.garciafaura.com\\\/wp-content\\\/uploads\\\/2022\\\/11\\\/Hotel-Bitagora-3.jpg&quot;},{&quot;src&quot;:&quot;https:\\\/\\\/www.garciafaura.com\\\/wp-content\\\/uploads\\\/2022\\\/11\\\/Hotel-Bitagora-2.jpg&quot;},{&quot;src&quot;:&quot;https:\\\/\\\/www.garciafaura.com\\\/wp-content\\\/uploads\\\/2022\\\/11\\\/Hotel-Bitagora-1.jpg&quot;}]\"><img loading=\"lazy\" decoding=\"async\" data-no-lazy=\"1\" class=\"portfolio-entry-img skip-lazy\" src=\"https:\/\/www.garciafaura.com\/wp-content\/uploads\/2022\/11\/Hotel-Bitagora-33-600x314.jpg\" alt='' data-no-retina width=\"600\" height=\"314\" \/><\/a><\/div><div class=\"portfolio-entry-details entry-details wpex-clr\"><div class=\"match-height-content\"><h2 class=\"portfolio-entry-title entry-title\"><a href=\"https:\/\/www.garciafaura.com\/es\/portfolio-item\/hotel-en-viladecans\/\" title=\"Hotel Bit\u00e0gora\">Hotel Bit\u00e0gora<\/a><\/h2><div class=\"portfolio-entry-categories entry-categories wpex-clr\"><a href=\"https:\/\/www.garciafaura.com\/es\/portfolio-category\/fachadas-destacado\/\" class=\"term-52\">Fachadas Destacado<\/a><\/div><\/div><\/div><\/div><\/div><div class=\"portfolio-entry vcex-grid-item entry-has-details span_1_of_3 col col-3 vcex-isotope-entry vcex-no-margin-entry post-30711 entry type-portfolio has-media cat-51 cat-52 cat-58 cat-59 translation_priority-6\"><div class=\"portfolio-entry-inner entry-inner wpex-clr\"><div class=\"portfolio-entry-media entry-media wpex-clr\"><a href=\"https:\/\/www.garciafaura.com\/wp-content\/uploads\/2022\/11\/NaturgyMadrid02.jpg\" title=\"Rehabilitaci\u00f3n sede Naturgy Madrid\" class=\"portfolio-entry-media-link wpex-lightbox-gallery\" data-gallery=\"[{&quot;src&quot;:&quot;https:\\\/\\\/www.garciafaura.com\\\/wp-content\\\/uploads\\\/2022\\\/11\\\/NaturgyMadrid02.jpg&quot;},{&quot;src&quot;:&quot;https:\\\/\\\/www.garciafaura.com\\\/wp-content\\\/uploads\\\/2022\\\/11\\\/NaturgyMadrid01.jpg&quot;},{&quot;src&quot;:&quot;https:\\\/\\\/www.garciafaura.com\\\/wp-content\\\/uploads\\\/2022\\\/11\\\/NaturgyMadrid03.jpg&quot;}]\"><img loading=\"lazy\" decoding=\"async\" data-no-lazy=\"1\" class=\"portfolio-entry-img skip-lazy\" src=\"https:\/\/www.garciafaura.com\/wp-content\/uploads\/2022\/11\/NaturgyMadrid02-600x314.jpg\" alt='' data-no-retina width=\"600\" height=\"314\" \/><\/a><\/div><div class=\"portfolio-entry-details entry-details wpex-clr\"><div class=\"match-height-content\"><h2 class=\"portfolio-entry-title entry-title\"><a href=\"https:\/\/www.garciafaura.com\/es\/portfolio-item\/rehabilitacio-seu-naturgy-madrid\/\" title=\"Rehabilitaci\u00f3n sede Naturgy Madrid\">Rehabilitaci\u00f3n sede Naturgy Madrid<\/a><\/h2><div class=\"portfolio-entry-categories entry-categories wpex-clr\"><a href=\"https:\/\/www.garciafaura.com\/es\/portfolio-category\/fachadas\/\" class=\"term-51\">Fachadas<\/a><\/div><\/div><\/div><\/div><\/div><div class=\"portfolio-entry vcex-grid-item entry-has-details span_1_of_3 col col-1 vcex-isotope-entry vcex-no-margin-entry post-29628 entry type-portfolio has-media cat-45 cat-48 cat-51 cat-52 cat-58 cat-59 translation_priority-6\"><div class=\"portfolio-entry-inner entry-inner wpex-clr\"><div class=\"portfolio-entry-media entry-media wpex-clr\"><a href=\"https:\/\/www.garciafaura.com\/wp-content\/uploads\/2022\/06\/Oficines-Balmes-89-05.jpg\" title=\"Rehabilitaci\u00f3n Oficinas Balmes\" class=\"portfolio-entry-media-link wpex-lightbox-gallery\" data-gallery=\"[{&quot;src&quot;:&quot;https:\\\/\\\/www.garciafaura.com\\\/wp-content\\\/uploads\\\/2022\\\/06\\\/Oficines-Balmes-89-06.jpg&quot;},{&quot;src&quot;:&quot;https:\\\/\\\/www.garciafaura.com\\\/wp-content\\\/uploads\\\/2022\\\/06\\\/Oficines-Balmes-89-01.jpg&quot;},{&quot;src&quot;:&quot;https:\\\/\\\/www.garciafaura.com\\\/wp-content\\\/uploads\\\/2022\\\/06\\\/Oficines-Balmes-89-31.jpg&quot;},{&quot;src&quot;:&quot;https:\\\/\\\/www.garciafaura.com\\\/wp-content\\\/uploads\\\/2022\\\/06\\\/Oficines-Balmes-89-30.jpg&quot;},{&quot;src&quot;:&quot;https:\\\/\\\/www.garciafaura.com\\\/wp-content\\\/uploads\\\/2022\\\/06\\\/Oficines-Balmes-89-29.jpg&quot;},{&quot;src&quot;:&quot;https:\\\/\\\/www.garciafaura.com\\\/wp-content\\\/uploads\\\/2022\\\/06\\\/Oficines-Balmes-89-28.jpg&quot;},{&quot;src&quot;:&quot;https:\\\/\\\/www.garciafaura.com\\\/wp-content\\\/uploads\\\/2022\\\/06\\\/Oficines-Balmes-89-27.jpg&quot;},{&quot;src&quot;:&quot;https:\\\/\\\/www.garciafaura.com\\\/wp-content\\\/uploads\\\/2022\\\/06\\\/Oficines-Balmes-89-26.jpg&quot;},{&quot;src&quot;:&quot;https:\\\/\\\/www.garciafaura.com\\\/wp-content\\\/uploads\\\/2022\\\/06\\\/Oficines-Balmes-89-25.jpg&quot;},{&quot;src&quot;:&quot;https:\\\/\\\/www.garciafaura.com\\\/wp-content\\\/uploads\\\/2022\\\/06\\\/Oficines-Balmes-89-24.jpg&quot;},{&quot;src&quot;:&quot;https:\\\/\\\/www.garciafaura.com\\\/wp-content\\\/uploads\\\/2022\\\/06\\\/Oficines-Balmes-89-23.jpg&quot;},{&quot;src&quot;:&quot;https:\\\/\\\/www.garciafaura.com\\\/wp-content\\\/uploads\\\/2022\\\/06\\\/Oficines-Balmes-89-22.jpg&quot;},{&quot;src&quot;:&quot;https:\\\/\\\/www.garciafaura.com\\\/wp-content\\\/uploads\\\/2022\\\/06\\\/Oficines-Balmes-89-21.jpg&quot;},{&quot;src&quot;:&quot;https:\\\/\\\/www.garciafaura.com\\\/wp-content\\\/uploads\\\/2022\\\/06\\\/Oficines-Balmes-89-20.jpg&quot;},{&quot;src&quot;:&quot;https:\\\/\\\/www.garciafaura.com\\\/wp-content\\\/uploads\\\/2022\\\/06\\\/Oficines-Balmes-89-19.jpg&quot;},{&quot;src&quot;:&quot;https:\\\/\\\/www.garciafaura.com\\\/wp-content\\\/uploads\\\/2022\\\/06\\\/Oficines-Balmes-89-18.jpg&quot;},{&quot;src&quot;:&quot;https:\\\/\\\/www.garciafaura.com\\\/wp-content\\\/uploads\\\/2022\\\/06\\\/Oficines-Balmes-89-17.jpg&quot;},{&quot;src&quot;:&quot;https:\\\/\\\/www.garciafaura.com\\\/wp-content\\\/uploads\\\/2022\\\/06\\\/Oficines-Balmes-89-16.jpg&quot;},{&quot;src&quot;:&quot;https:\\\/\\\/www.garciafaura.com\\\/wp-content\\\/uploads\\\/2022\\\/06\\\/Oficines-Balmes-89-15.jpg&quot;},{&quot;src&quot;:&quot;https:\\\/\\\/www.garciafaura.com\\\/wp-content\\\/uploads\\\/2022\\\/06\\\/Oficines-Balmes-89-14.jpg&quot;},{&quot;src&quot;:&quot;https:\\\/\\\/www.garciafaura.com\\\/wp-content\\\/uploads\\\/2022\\\/06\\\/Oficines-Balmes-89-13.jpg&quot;},{&quot;src&quot;:&quot;https:\\\/\\\/www.garciafaura.com\\\/wp-content\\\/uploads\\\/2022\\\/06\\\/Oficines-Balmes-89-12.jpg&quot;},{&quot;src&quot;:&quot;https:\\\/\\\/www.garciafaura.com\\\/wp-content\\\/uploads\\\/2022\\\/06\\\/Oficines-Balmes-89-11.jpg&quot;},{&quot;src&quot;:&quot;https:\\\/\\\/www.garciafaura.com\\\/wp-content\\\/uploads\\\/2022\\\/06\\\/Oficines-Balmes-89-10.jpg&quot;},{&quot;src&quot;:&quot;https:\\\/\\\/www.garciafaura.com\\\/wp-content\\\/uploads\\\/2022\\\/06\\\/Oficines-Balmes-89-09.jpg&quot;},{&quot;src&quot;:&quot;https:\\\/\\\/www.garciafaura.com\\\/wp-content\\\/uploads\\\/2022\\\/06\\\/Oficines-Balmes-89-08.jpg&quot;},{&quot;src&quot;:&quot;https:\\\/\\\/www.garciafaura.com\\\/wp-content\\\/uploads\\\/2022\\\/06\\\/Oficines-Balmes-89-07.jpg&quot;},{&quot;src&quot;:&quot;https:\\\/\\\/www.garciafaura.com\\\/wp-content\\\/uploads\\\/2022\\\/06\\\/Oficines-Balmes-89-05.jpg&quot;},{&quot;src&quot;:&quot;https:\\\/\\\/www.garciafaura.com\\\/wp-content\\\/uploads\\\/2022\\\/06\\\/Oficines-Balmes-89-04.jpg&quot;},{&quot;src&quot;:&quot;https:\\\/\\\/www.garciafaura.com\\\/wp-content\\\/uploads\\\/2022\\\/06\\\/Oficines-Balmes-89-03.jpg&quot;},{&quot;src&quot;:&quot;https:\\\/\\\/www.garciafaura.com\\\/wp-content\\\/uploads\\\/2022\\\/06\\\/Oficines-Balmes-89-02.jpg&quot;}]\"><img loading=\"lazy\" decoding=\"async\" data-no-lazy=\"1\" class=\"portfolio-entry-img skip-lazy\" src=\"https:\/\/www.garciafaura.com\/wp-content\/uploads\/2022\/06\/Oficines-Balmes-89-05-600x314.jpg\" alt='' data-no-retina width=\"600\" height=\"314\" \/><\/a><\/div><div class=\"portfolio-entry-details entry-details wpex-clr\"><div class=\"match-height-content\"><h2 class=\"portfolio-entry-title entry-title\"><a href=\"https:\/\/www.garciafaura.com\/es\/portfolio-item\/rehabilitacio-oficines-balmes\/\" title=\"Rehabilitaci\u00f3n Oficinas Balmes\">Rehabilitaci\u00f3n Oficinas Balmes<\/a><\/h2><div class=\"portfolio-entry-categories entry-categories wpex-clr\"><a href=\"https:\/\/www.garciafaura.com\/es\/portfolio-category\/fachadas-destacado\/\" class=\"term-52\">Fachadas Destacado<\/a><\/div><\/div><\/div><\/div><\/div><div class=\"portfolio-entry vcex-grid-item entry-has-details span_1_of_3 col col-2 vcex-isotope-entry vcex-no-margin-entry post-29351 entry type-portfolio has-media cat-45 cat-51 cat-58 cat-59 translation_priority-6\"><div class=\"portfolio-entry-inner entry-inner wpex-clr\"><div class=\"portfolio-entry-media entry-media wpex-clr\"><a href=\"https:\/\/www.garciafaura.com\/wp-content\/uploads\/2022\/05\/CerroGamos-03a.jpg\" title=\"Rehabilitaci\u00f3n Cerro de los Gamos\" class=\"portfolio-entry-media-link wpex-lightbox-gallery\" data-gallery=\"[{&quot;src&quot;:&quot;https:\\\/\\\/www.garciafaura.com\\\/wp-content\\\/uploads\\\/2022\\\/05\\\/CerroGamos-03a.jpg&quot;},{&quot;src&quot;:&quot;https:\\\/\\\/www.garciafaura.com\\\/wp-content\\\/uploads\\\/2022\\\/05\\\/CerroGamos-02a.jpg&quot;},{&quot;src&quot;:&quot;https:\\\/\\\/www.garciafaura.com\\\/wp-content\\\/uploads\\\/2022\\\/05\\\/CerroGamos-01a.jpg&quot;}]\"><img loading=\"lazy\" decoding=\"async\" data-no-lazy=\"1\" class=\"portfolio-entry-img skip-lazy\" src=\"https:\/\/www.garciafaura.com\/wp-content\/uploads\/2022\/05\/CerroGamos-03a-600x314.jpg\" alt='' data-no-retina width=\"600\" height=\"314\" \/><\/a><\/div><div class=\"portfolio-entry-details entry-details wpex-clr\"><div class=\"match-height-content\"><h2 class=\"portfolio-entry-title entry-title\"><a href=\"https:\/\/www.garciafaura.com\/es\/portfolio-item\/rehabilitacion-cerro-de-los-gamos\/\" title=\"Rehabilitaci\u00f3n Cerro de los Gamos\">Rehabilitaci\u00f3n Cerro de los Gamos<\/a><\/h2><div class=\"portfolio-entry-categories entry-categories wpex-clr\"><a href=\"https:\/\/www.garciafaura.com\/es\/portfolio-category\/fachadas\/\" class=\"term-51\">Fachadas<\/a><\/div><\/div><\/div><\/div><\/div><div class=\"portfolio-entry vcex-grid-item entry-has-details span_1_of_3 col col-3 vcex-isotope-entry vcex-no-margin-entry post-28574 entry type-portfolio has-media cat-45 cat-48 cat-51 cat-52 translation_priority-6\"><div class=\"portfolio-entry-inner entry-inner wpex-clr\"><div class=\"portfolio-entry-media entry-media wpex-clr\"><a href=\"https:\/\/www.garciafaura.com\/wp-content\/uploads\/2021\/10\/Oficines-Lidl-Montcada-02.jpg\" title=\"Ampliaci\u00f3n oficinas Lidl Montcada\" class=\"portfolio-entry-media-link wpex-lightbox-gallery\" data-gallery=\"[{&quot;src&quot;:&quot;https:\\\/\\\/www.garciafaura.com\\\/wp-content\\\/uploads\\\/2021\\\/10\\\/Oficines-Lidl-Montcada-01.jpg&quot;},{&quot;src&quot;:&quot;https:\\\/\\\/www.garciafaura.com\\\/wp-content\\\/uploads\\\/2021\\\/10\\\/Oficines-Lidl-Montcada-29.jpg&quot;},{&quot;src&quot;:&quot;https:\\\/\\\/www.garciafaura.com\\\/wp-content\\\/uploads\\\/2021\\\/10\\\/Oficines-Lidl-Montcada-28.jpg&quot;},{&quot;src&quot;:&quot;https:\\\/\\\/www.garciafaura.com\\\/wp-content\\\/uploads\\\/2021\\\/10\\\/Oficines-Lidl-Montcada-27.jpg&quot;},{&quot;src&quot;:&quot;https:\\\/\\\/www.garciafaura.com\\\/wp-content\\\/uploads\\\/2021\\\/10\\\/Oficines-Lidl-Montcada-26.jpg&quot;},{&quot;src&quot;:&quot;https:\\\/\\\/www.garciafaura.com\\\/wp-content\\\/uploads\\\/2021\\\/10\\\/Oficines-Lidl-Montcada-25.jpg&quot;},{&quot;src&quot;:&quot;https:\\\/\\\/www.garciafaura.com\\\/wp-content\\\/uploads\\\/2021\\\/10\\\/Oficines-Lidl-Montcada-24.jpg&quot;},{&quot;src&quot;:&quot;https:\\\/\\\/www.garciafaura.com\\\/wp-content\\\/uploads\\\/2021\\\/10\\\/Oficines-Lidl-Montcada-23.jpg&quot;},{&quot;src&quot;:&quot;https:\\\/\\\/www.garciafaura.com\\\/wp-content\\\/uploads\\\/2021\\\/10\\\/Oficines-Lidl-Montcada-22.jpg&quot;},{&quot;src&quot;:&quot;https:\\\/\\\/www.garciafaura.com\\\/wp-content\\\/uploads\\\/2021\\\/10\\\/Oficines-Lidl-Montcada-21.jpg&quot;},{&quot;src&quot;:&quot;https:\\\/\\\/www.garciafaura.com\\\/wp-content\\\/uploads\\\/2021\\\/10\\\/Oficines-Lidl-Montcada-20.jpg&quot;},{&quot;src&quot;:&quot;https:\\\/\\\/www.garciafaura.com\\\/wp-content\\\/uploads\\\/2021\\\/10\\\/Oficines-Lidl-Montcada-19.jpg&quot;},{&quot;src&quot;:&quot;https:\\\/\\\/www.garciafaura.com\\\/wp-content\\\/uploads\\\/2021\\\/10\\\/Oficines-Lidl-Montcada-18.jpg&quot;},{&quot;src&quot;:&quot;https:\\\/\\\/www.garciafaura.com\\\/wp-content\\\/uploads\\\/2021\\\/10\\\/Oficines-Lidl-Montcada-17.jpg&quot;},{&quot;src&quot;:&quot;https:\\\/\\\/www.garciafaura.com\\\/wp-content\\\/uploads\\\/2021\\\/10\\\/Oficines-Lidl-Montcada-16.jpg&quot;},{&quot;src&quot;:&quot;https:\\\/\\\/www.garciafaura.com\\\/wp-content\\\/uploads\\\/2021\\\/10\\\/Oficines-Lidl-Montcada-15.jpg&quot;},{&quot;src&quot;:&quot;https:\\\/\\\/www.garciafaura.com\\\/wp-content\\\/uploads\\\/2021\\\/10\\\/Oficines-Lidl-Montcada-14.jpg&quot;},{&quot;src&quot;:&quot;https:\\\/\\\/www.garciafaura.com\\\/wp-content\\\/uploads\\\/2021\\\/10\\\/Oficines-Lidl-Montcada-13.jpg&quot;},{&quot;src&quot;:&quot;https:\\\/\\\/www.garciafaura.com\\\/wp-content\\\/uploads\\\/2021\\\/10\\\/Oficines-Lidl-Montcada-12.jpg&quot;},{&quot;src&quot;:&quot;https:\\\/\\\/www.garciafaura.com\\\/wp-content\\\/uploads\\\/2021\\\/10\\\/Oficines-Lidl-Montcada-11.jpg&quot;},{&quot;src&quot;:&quot;https:\\\/\\\/www.garciafaura.com\\\/wp-content\\\/uploads\\\/2021\\\/10\\\/Oficines-Lidl-Montcada-10.jpg&quot;},{&quot;src&quot;:&quot;https:\\\/\\\/www.garciafaura.com\\\/wp-content\\\/uploads\\\/2021\\\/10\\\/Oficines-Lidl-Montcada-09.jpg&quot;},{&quot;src&quot;:&quot;https:\\\/\\\/www.garciafaura.com\\\/wp-content\\\/uploads\\\/2021\\\/10\\\/Oficines-Lidl-Montcada-08.jpg&quot;},{&quot;src&quot;:&quot;https:\\\/\\\/www.garciafaura.com\\\/wp-content\\\/uploads\\\/2021\\\/10\\\/Oficines-Lidl-Montcada-07.jpg&quot;},{&quot;src&quot;:&quot;https:\\\/\\\/www.garciafaura.com\\\/wp-content\\\/uploads\\\/2021\\\/10\\\/Oficines-Lidl-Montcada-06.jpg&quot;},{&quot;src&quot;:&quot;https:\\\/\\\/www.garciafaura.com\\\/wp-content\\\/uploads\\\/2021\\\/10\\\/Oficines-Lidl-Montcada-05.jpg&quot;},{&quot;src&quot;:&quot;https:\\\/\\\/www.garciafaura.com\\\/wp-content\\\/uploads\\\/2021\\\/10\\\/Oficines-Lidl-Montcada-04.jpg&quot;},{&quot;src&quot;:&quot;https:\\\/\\\/www.garciafaura.com\\\/wp-content\\\/uploads\\\/2021\\\/10\\\/Oficines-Lidl-Montcada-03.jpg&quot;},{&quot;src&quot;:&quot;https:\\\/\\\/www.garciafaura.com\\\/wp-content\\\/uploads\\\/2021\\\/10\\\/Oficines-Lidl-Montcada-02.jpg&quot;}]\"><img loading=\"lazy\" decoding=\"async\" data-no-lazy=\"1\" class=\"portfolio-entry-img skip-lazy\" src=\"https:\/\/www.garciafaura.com\/wp-content\/uploads\/2021\/10\/Oficines-Lidl-Montcada-02-600x314.jpg\" alt='' data-no-retina width=\"600\" height=\"314\" \/><\/a><\/div><div class=\"portfolio-entry-details entry-details wpex-clr\"><div class=\"match-height-content\"><h2 class=\"portfolio-entry-title entry-title\"><a href=\"https:\/\/www.garciafaura.com\/es\/portfolio-item\/ampliacio-oficines-lidl-montcada\/\" title=\"Ampliaci\u00f3n oficinas Lidl Montcada\">Ampliaci\u00f3n oficinas Lidl Montcada<\/a><\/h2><div class=\"portfolio-entry-categories entry-categories wpex-clr\"><a href=\"https:\/\/www.garciafaura.com\/es\/portfolio-category\/edificios-corporativos\/\" class=\"term-45\">Edificios Corporativos<\/a><\/div><\/div><\/div><\/div><\/div><div class=\"portfolio-entry vcex-grid-item entry-has-details span_1_of_3 col col-1 vcex-isotope-entry vcex-no-margin-entry post-28300 entry type-portfolio has-media cat-45 cat-51 cat-52 cat-58 cat-59 translation_priority-6\"><div class=\"portfolio-entry-inner entry-inner wpex-clr\"><div class=\"portfolio-entry-media entry-media wpex-clr\"><a href=\"https:\/\/www.garciafaura.com\/wp-content\/uploads\/2021\/08\/ViaPoblados-01a.jpg\" title=\"Oficinas V\u00eda de los Poblados\" class=\"portfolio-entry-media-link wpex-lightbox-gallery\" data-gallery=\"[{&quot;src&quot;:&quot;https:\\\/\\\/www.garciafaura.com\\\/wp-content\\\/uploads\\\/2021\\\/08\\\/ViaPoblados-01a.jpg&quot;},{&quot;src&quot;:&quot;https:\\\/\\\/www.garciafaura.com\\\/wp-content\\\/uploads\\\/2021\\\/08\\\/ViaPoblados-05a.jpg&quot;},{&quot;src&quot;:&quot;https:\\\/\\\/www.garciafaura.com\\\/wp-content\\\/uploads\\\/2021\\\/08\\\/ViaPoblados-04a.jpg&quot;},{&quot;src&quot;:&quot;https:\\\/\\\/www.garciafaura.com\\\/wp-content\\\/uploads\\\/2021\\\/08\\\/ViaPoblados-03a.jpg&quot;},{&quot;src&quot;:&quot;https:\\\/\\\/www.garciafaura.com\\\/wp-content\\\/uploads\\\/2021\\\/08\\\/ViaPoblados-06a.jpg&quot;}]\"><img loading=\"lazy\" decoding=\"async\" data-no-lazy=\"1\" class=\"portfolio-entry-img skip-lazy\" src=\"https:\/\/www.garciafaura.com\/wp-content\/uploads\/2021\/08\/ViaPoblados-01a-600x314.jpg\" alt='' data-no-retina width=\"600\" height=\"314\" \/><\/a><\/div><div class=\"portfolio-entry-details entry-details wpex-clr\"><div class=\"match-height-content\"><h2 class=\"portfolio-entry-title entry-title\"><a href=\"https:\/\/www.garciafaura.com\/es\/portfolio-item\/oficines-via-de-los-poblados\/\" title=\"Oficinas V\u00eda de los Poblados\">Oficinas V\u00eda de los Poblados<\/a><\/h2><div class=\"portfolio-entry-categories entry-categories wpex-clr\"><a href=\"https:\/\/www.garciafaura.com\/es\/portfolio-category\/fachadas-destacado\/\" class=\"term-52\">Fachadas Destacado<\/a><\/div><\/div><\/div><\/div><\/div><div class=\"portfolio-entry vcex-grid-item entry-has-details span_1_of_3 col col-2 vcex-isotope-entry vcex-no-margin-entry post-27680 entry type-portfolio has-media cat-45 cat-48 cat-51 cat-52 translation_priority-6\"><div class=\"portfolio-entry-inner entry-inner wpex-clr\"><div class=\"portfolio-entry-media entry-media wpex-clr\"><a href=\"https:\/\/www.garciafaura.com\/wp-content\/uploads\/2021\/07\/Europa-Building-LH-12.jpg\" title=\"Edificio de oficinas Europa Building L&#8217;H\" class=\"portfolio-entry-media-link wpex-lightbox-gallery\" data-gallery=\"[{&quot;src&quot;:&quot;https:\\\/\\\/www.garciafaura.com\\\/wp-content\\\/uploads\\\/2021\\\/07\\\/Europa-Building-LH-01.jpg&quot;,&quot;title&quot;:&quot;Europa Building LH&quot;},{&quot;src&quot;:&quot;https:\\\/\\\/www.garciafaura.com\\\/wp-content\\\/uploads\\\/2021\\\/07\\\/Europa-Building-LH-02.jpg&quot;,&quot;title&quot;:&quot;Europa Building LH&quot;},{&quot;src&quot;:&quot;https:\\\/\\\/www.garciafaura.com\\\/wp-content\\\/uploads\\\/2021\\\/07\\\/Europa-Building-LH-03.jpg&quot;,&quot;title&quot;:&quot;Europa Building LH&quot;},{&quot;src&quot;:&quot;https:\\\/\\\/www.garciafaura.com\\\/wp-content\\\/uploads\\\/2021\\\/07\\\/Europa-Building-LH-04.jpg&quot;,&quot;title&quot;:&quot;Europa Building LH&quot;},{&quot;src&quot;:&quot;https:\\\/\\\/www.garciafaura.com\\\/wp-content\\\/uploads\\\/2021\\\/07\\\/Europa-Building-LH-05.jpg&quot;,&quot;title&quot;:&quot;Europa Building LH&quot;},{&quot;src&quot;:&quot;https:\\\/\\\/www.garciafaura.com\\\/wp-content\\\/uploads\\\/2021\\\/07\\\/Europa-Building-LH-06.jpg&quot;,&quot;title&quot;:&quot;Europa Building LH&quot;},{&quot;src&quot;:&quot;https:\\\/\\\/www.garciafaura.com\\\/wp-content\\\/uploads\\\/2021\\\/07\\\/Europa-Building-LH-07.jpg&quot;,&quot;title&quot;:&quot;Europa Building LH&quot;},{&quot;src&quot;:&quot;https:\\\/\\\/www.garciafaura.com\\\/wp-content\\\/uploads\\\/2021\\\/07\\\/Europa-Building-LH-08.jpg&quot;,&quot;title&quot;:&quot;Europa Building LH&quot;},{&quot;src&quot;:&quot;https:\\\/\\\/www.garciafaura.com\\\/wp-content\\\/uploads\\\/2021\\\/07\\\/Europa-Building-LH-09.jpg&quot;,&quot;title&quot;:&quot;Europa Building LH&quot;},{&quot;src&quot;:&quot;https:\\\/\\\/www.garciafaura.com\\\/wp-content\\\/uploads\\\/2021\\\/07\\\/Europa-Building-LH-10.jpg&quot;,&quot;title&quot;:&quot;Europa Building LH&quot;},{&quot;src&quot;:&quot;https:\\\/\\\/www.garciafaura.com\\\/wp-content\\\/uploads\\\/2021\\\/07\\\/Europa-Building-LH-11.jpg&quot;,&quot;title&quot;:&quot;Europa Building LH&quot;},{&quot;src&quot;:&quot;https:\\\/\\\/www.garciafaura.com\\\/wp-content\\\/uploads\\\/2021\\\/07\\\/Europa-Building-LH-12.jpg&quot;,&quot;title&quot;:&quot;Europa Building LH&quot;},{&quot;src&quot;:&quot;https:\\\/\\\/www.garciafaura.com\\\/wp-content\\\/uploads\\\/2021\\\/07\\\/Europa-Building-LH-13.jpg&quot;,&quot;title&quot;:&quot;Europa Building LH&quot;},{&quot;src&quot;:&quot;https:\\\/\\\/www.garciafaura.com\\\/wp-content\\\/uploads\\\/2021\\\/07\\\/Europa-Building-LH-14.jpg&quot;,&quot;title&quot;:&quot;Europa Building LH&quot;},{&quot;src&quot;:&quot;https:\\\/\\\/www.garciafaura.com\\\/wp-content\\\/uploads\\\/2021\\\/07\\\/Europa-Building-LH-15.jpg&quot;,&quot;title&quot;:&quot;Europa Building LH&quot;},{&quot;src&quot;:&quot;https:\\\/\\\/www.garciafaura.com\\\/wp-content\\\/uploads\\\/2021\\\/07\\\/Europa-Building-LH-16.jpg&quot;,&quot;title&quot;:&quot;Europa Building LH&quot;}]\"><img loading=\"lazy\" decoding=\"async\" data-no-lazy=\"1\" class=\"portfolio-entry-img skip-lazy\" src=\"https:\/\/www.garciafaura.com\/wp-content\/uploads\/2021\/07\/Europa-Building-LH-12-600x314.jpg\" alt=\"Europa Building LH\" data-no-retina width=\"600\" height=\"314\" \/><\/a><\/div><div class=\"portfolio-entry-details entry-details wpex-clr\"><div class=\"match-height-content\"><h2 class=\"portfolio-entry-title entry-title\"><a href=\"https:\/\/www.garciafaura.com\/es\/portfolio-item\/edificio-de-oficinas-europa-building-lhospitalet\/\" title=\"Edificio de oficinas Europa Building L&#8217;H\">Edificio de oficinas Europa Building L&#8217;H<\/a><\/h2><div class=\"portfolio-entry-categories entry-categories wpex-clr\"><a href=\"https:\/\/www.garciafaura.com\/es\/portfolio-category\/fachadas-destacado\/\" class=\"term-52\">Fachadas Destacado<\/a><\/div><\/div><\/div><\/div><\/div><div class=\"portfolio-entry vcex-grid-item entry-has-details span_1_of_3 col col-3 vcex-isotope-entry vcex-no-margin-entry post-27493 entry type-portfolio has-media cat-45 cat-48 cat-51 cat-52 cat-58 cat-59 translation_priority-6\"><div class=\"portfolio-entry-inner entry-inner wpex-clr\"><div class=\"portfolio-entry-media entry-media wpex-clr\"><a href=\"https:\/\/www.garciafaura.com\/wp-content\/uploads\/2021\/05\/Oficines-Diagonal-530-28.jpg\" title=\"Edificio de oficinas Diagonal 530\" class=\"portfolio-entry-media-link wpex-lightbox-gallery\" data-gallery=\"[{&quot;src&quot;:&quot;https:\\\/\\\/www.garciafaura.com\\\/wp-content\\\/uploads\\\/2021\\\/05\\\/Oficines-Diagonal-530-28.jpg&quot;},{&quot;src&quot;:&quot;https:\\\/\\\/www.garciafaura.com\\\/wp-content\\\/uploads\\\/2021\\\/05\\\/Oficines-Diagonal-530-35.jpg&quot;},{&quot;src&quot;:&quot;https:\\\/\\\/www.garciafaura.com\\\/wp-content\\\/uploads\\\/2021\\\/05\\\/Oficines-Diagonal-530-34.jpg&quot;},{&quot;src&quot;:&quot;https:\\\/\\\/www.garciafaura.com\\\/wp-content\\\/uploads\\\/2021\\\/05\\\/Oficines-Diagonal-530-33.jpg&quot;},{&quot;src&quot;:&quot;https:\\\/\\\/www.garciafaura.com\\\/wp-content\\\/uploads\\\/2021\\\/05\\\/Oficines-Diagonal-530-32.jpg&quot;},{&quot;src&quot;:&quot;https:\\\/\\\/www.garciafaura.com\\\/wp-content\\\/uploads\\\/2021\\\/05\\\/Oficines-Diagonal-530-31.jpg&quot;},{&quot;src&quot;:&quot;https:\\\/\\\/www.garciafaura.com\\\/wp-content\\\/uploads\\\/2021\\\/05\\\/Oficines-Diagonal-530-30.jpg&quot;},{&quot;src&quot;:&quot;https:\\\/\\\/www.garciafaura.com\\\/wp-content\\\/uploads\\\/2021\\\/05\\\/Oficines-Diagonal-530-29.jpg&quot;},{&quot;src&quot;:&quot;https:\\\/\\\/www.garciafaura.com\\\/wp-content\\\/uploads\\\/2021\\\/05\\\/Oficines-Diagonal-530-27.jpg&quot;},{&quot;src&quot;:&quot;https:\\\/\\\/www.garciafaura.com\\\/wp-content\\\/uploads\\\/2021\\\/05\\\/Oficines-Diagonal-530-26.jpg&quot;},{&quot;src&quot;:&quot;https:\\\/\\\/www.garciafaura.com\\\/wp-content\\\/uploads\\\/2021\\\/05\\\/Oficines-Diagonal-530-25.jpg&quot;},{&quot;src&quot;:&quot;https:\\\/\\\/www.garciafaura.com\\\/wp-content\\\/uploads\\\/2021\\\/05\\\/Oficines-Diagonal-530-24.jpg&quot;},{&quot;src&quot;:&quot;https:\\\/\\\/www.garciafaura.com\\\/wp-content\\\/uploads\\\/2021\\\/05\\\/Oficines-Diagonal-530-23.jpg&quot;},{&quot;src&quot;:&quot;https:\\\/\\\/www.garciafaura.com\\\/wp-content\\\/uploads\\\/2021\\\/05\\\/Oficines-Diagonal-530-22.jpg&quot;},{&quot;src&quot;:&quot;https:\\\/\\\/www.garciafaura.com\\\/wp-content\\\/uploads\\\/2021\\\/05\\\/Oficines-Diagonal-530-21.jpg&quot;},{&quot;src&quot;:&quot;https:\\\/\\\/www.garciafaura.com\\\/wp-content\\\/uploads\\\/2021\\\/05\\\/Oficines-Diagonal-530-20.jpg&quot;},{&quot;src&quot;:&quot;https:\\\/\\\/www.garciafaura.com\\\/wp-content\\\/uploads\\\/2021\\\/05\\\/Oficines-Diagonal-530-19.jpg&quot;},{&quot;src&quot;:&quot;https:\\\/\\\/www.garciafaura.com\\\/wp-content\\\/uploads\\\/2021\\\/05\\\/Oficines-Diagonal-530-18.jpg&quot;},{&quot;src&quot;:&quot;https:\\\/\\\/www.garciafaura.com\\\/wp-content\\\/uploads\\\/2021\\\/05\\\/Oficines-Diagonal-530-17.jpg&quot;},{&quot;src&quot;:&quot;https:\\\/\\\/www.garciafaura.com\\\/wp-content\\\/uploads\\\/2021\\\/05\\\/Oficines-Diagonal-530-16.jpg&quot;},{&quot;src&quot;:&quot;https:\\\/\\\/www.garciafaura.com\\\/wp-content\\\/uploads\\\/2021\\\/05\\\/Oficines-Diagonal-530-15.jpg&quot;},{&quot;src&quot;:&quot;https:\\\/\\\/www.garciafaura.com\\\/wp-content\\\/uploads\\\/2021\\\/05\\\/Oficines-Diagonal-530-14.jpg&quot;},{&quot;src&quot;:&quot;https:\\\/\\\/www.garciafaura.com\\\/wp-content\\\/uploads\\\/2021\\\/05\\\/Oficines-Diagonal-530-13.jpg&quot;},{&quot;src&quot;:&quot;https:\\\/\\\/www.garciafaura.com\\\/wp-content\\\/uploads\\\/2021\\\/05\\\/Oficines-Diagonal-530-12.jpg&quot;},{&quot;src&quot;:&quot;https:\\\/\\\/www.garciafaura.com\\\/wp-content\\\/uploads\\\/2021\\\/05\\\/Oficines-Diagonal-530-11.jpg&quot;},{&quot;src&quot;:&quot;https:\\\/\\\/www.garciafaura.com\\\/wp-content\\\/uploads\\\/2021\\\/05\\\/Oficines-Diagonal-530-10.jpg&quot;},{&quot;src&quot;:&quot;https:\\\/\\\/www.garciafaura.com\\\/wp-content\\\/uploads\\\/2021\\\/05\\\/Oficines-Diagonal-530-09.jpg&quot;},{&quot;src&quot;:&quot;https:\\\/\\\/www.garciafaura.com\\\/wp-content\\\/uploads\\\/2021\\\/05\\\/Oficines-Diagonal-530-08.jpg&quot;},{&quot;src&quot;:&quot;https:\\\/\\\/www.garciafaura.com\\\/wp-content\\\/uploads\\\/2021\\\/05\\\/Oficines-Diagonal-530-07.jpg&quot;},{&quot;src&quot;:&quot;https:\\\/\\\/www.garciafaura.com\\\/wp-content\\\/uploads\\\/2021\\\/05\\\/Oficines-Diagonal-530-06.jpg&quot;},{&quot;src&quot;:&quot;https:\\\/\\\/www.garciafaura.com\\\/wp-content\\\/uploads\\\/2021\\\/05\\\/Oficines-Diagonal-530-05.jpg&quot;},{&quot;src&quot;:&quot;https:\\\/\\\/www.garciafaura.com\\\/wp-content\\\/uploads\\\/2021\\\/05\\\/Oficines-Diagonal-530-04.jpg&quot;},{&quot;src&quot;:&quot;https:\\\/\\\/www.garciafaura.com\\\/wp-content\\\/uploads\\\/2021\\\/05\\\/Oficines-Diagonal-530-03.jpg&quot;},{&quot;src&quot;:&quot;https:\\\/\\\/www.garciafaura.com\\\/wp-content\\\/uploads\\\/2021\\\/05\\\/Oficines-Diagonal-530-02.jpg&quot;},{&quot;src&quot;:&quot;https:\\\/\\\/www.garciafaura.com\\\/wp-content\\\/uploads\\\/2021\\\/05\\\/Oficines-Diagonal-530-01.jpg&quot;}]\"><img loading=\"lazy\" decoding=\"async\" data-no-lazy=\"1\" class=\"portfolio-entry-img skip-lazy\" src=\"https:\/\/www.garciafaura.com\/wp-content\/uploads\/2021\/05\/Oficines-Diagonal-530-28-600x314.jpg\" alt='' data-no-retina width=\"600\" height=\"314\" \/><\/a><\/div><div class=\"portfolio-entry-details entry-details wpex-clr\"><div class=\"match-height-content\"><h2 class=\"portfolio-entry-title entry-title\"><a href=\"https:\/\/www.garciafaura.com\/es\/portfolio-item\/edifici-doficines-diagonal-532\/\" title=\"Edificio de oficinas Diagonal 530\">Edificio de oficinas Diagonal 530<\/a><\/h2><div class=\"portfolio-entry-categories entry-categories wpex-clr\"><a href=\"https:\/\/www.garciafaura.com\/es\/portfolio-category\/fachadas-destacado\/\" class=\"term-52\">Fachadas Destacado<\/a><\/div><\/div><\/div><\/div><\/div><div class=\"portfolio-entry vcex-grid-item entry-has-details span_1_of_3 col col-1 vcex-isotope-entry vcex-no-margin-entry post-27449 entry type-portfolio has-media cat-49 cat-50 cat-51 cat-52 translation_priority-6\"><div class=\"portfolio-entry-inner entry-inner wpex-clr\"><div class=\"portfolio-entry-media entry-media wpex-clr\"><a href=\"https:\/\/www.garciafaura.com\/wp-content\/uploads\/2021\/04\/Edifici-Smart-323-01.jpg\" title=\"Edificio Smart BCN\" class=\"portfolio-entry-media-link wpex-lightbox\"><img loading=\"lazy\" decoding=\"async\" data-no-lazy=\"1\" class=\"portfolio-entry-img skip-lazy\" src=\"https:\/\/www.garciafaura.com\/wp-content\/uploads\/2021\/04\/Edifici-Smart-323-01-600x314.jpg\" alt='' data-no-retina width=\"600\" height=\"314\" \/><\/a><\/div><div class=\"portfolio-entry-details entry-details wpex-clr\"><div class=\"match-height-content\"><h2 class=\"portfolio-entry-title entry-title\"><a href=\"https:\/\/www.garciafaura.com\/es\/portfolio-item\/edifici-smart-bcn\/\" title=\"Edificio Smart BCN\">Edificio Smart BCN<\/a><\/h2><div class=\"portfolio-entry-categories entry-categories wpex-clr\"><a href=\"https:\/\/www.garciafaura.com\/es\/portfolio-category\/edificios-de-servicios\/\" class=\"term-49\">Edificios de Servicios<\/a><\/div><\/div><\/div><\/div><\/div><div class=\"portfolio-entry vcex-grid-item entry-has-details span_1_of_3 col col-2 vcex-isotope-entry vcex-no-margin-entry post-26221 entry type-portfolio has-media cat-45 cat-48 cat-51 cat-52 translation_priority-6\"><div class=\"portfolio-entry-inner entry-inner wpex-clr\"><div class=\"portfolio-entry-media entry-media wpex-clr\"><a href=\"https:\/\/www.garciafaura.com\/wp-content\/uploads\/2021\/01\/Complex-Selva-de-Mar-amb-solete-01.jpg\" title=\"Complejo Selva de Mar\" class=\"portfolio-entry-media-link wpex-lightbox-gallery\" data-gallery=\"[{&quot;src&quot;:&quot;https:\\\/\\\/www.garciafaura.com\\\/wp-content\\\/uploads\\\/2021\\\/01\\\/Complex-Selva-de-Mar-amb-solete-01.jpg&quot;},{&quot;src&quot;:&quot;https:\\\/\\\/www.garciafaura.com\\\/wp-content\\\/uploads\\\/2021\\\/01\\\/Complex-Selva-de-Mar-amb-solete-22.jpg&quot;},{&quot;src&quot;:&quot;https:\\\/\\\/www.garciafaura.com\\\/wp-content\\\/uploads\\\/2021\\\/01\\\/Complex-Selva-de-Mar-amb-solete-21.jpg&quot;},{&quot;src&quot;:&quot;https:\\\/\\\/www.garciafaura.com\\\/wp-content\\\/uploads\\\/2021\\\/01\\\/Complex-Selva-de-Mar-amb-solete-20.jpg&quot;},{&quot;src&quot;:&quot;https:\\\/\\\/www.garciafaura.com\\\/wp-content\\\/uploads\\\/2021\\\/01\\\/Complex-Selva-de-Mar-amb-solete-19.jpg&quot;},{&quot;src&quot;:&quot;https:\\\/\\\/www.garciafaura.com\\\/wp-content\\\/uploads\\\/2021\\\/01\\\/Complex-Selva-de-Mar-amb-solete-18.jpg&quot;},{&quot;src&quot;:&quot;https:\\\/\\\/www.garciafaura.com\\\/wp-content\\\/uploads\\\/2021\\\/01\\\/Complex-Selva-de-Mar-amb-solete-17.jpg&quot;},{&quot;src&quot;:&quot;https:\\\/\\\/www.garciafaura.com\\\/wp-content\\\/uploads\\\/2021\\\/01\\\/Complex-Selva-de-Mar-amb-solete-16.jpg&quot;},{&quot;src&quot;:&quot;https:\\\/\\\/www.garciafaura.com\\\/wp-content\\\/uploads\\\/2021\\\/01\\\/Complex-Selva-de-Mar-amb-solete-15.jpg&quot;},{&quot;src&quot;:&quot;https:\\\/\\\/www.garciafaura.com\\\/wp-content\\\/uploads\\\/2021\\\/01\\\/Complex-Selva-de-Mar-amb-solete-14.jpg&quot;},{&quot;src&quot;:&quot;https:\\\/\\\/www.garciafaura.com\\\/wp-content\\\/uploads\\\/2021\\\/01\\\/Complex-Selva-de-Mar-amb-solete-13.jpg&quot;},{&quot;src&quot;:&quot;https:\\\/\\\/www.garciafaura.com\\\/wp-content\\\/uploads\\\/2021\\\/01\\\/Complex-Selva-de-Mar-amb-solete-12.jpg&quot;},{&quot;src&quot;:&quot;https:\\\/\\\/www.garciafaura.com\\\/wp-content\\\/uploads\\\/2021\\\/01\\\/Complex-Selva-de-Mar-amb-solete-11.jpg&quot;},{&quot;src&quot;:&quot;https:\\\/\\\/www.garciafaura.com\\\/wp-content\\\/uploads\\\/2021\\\/01\\\/Complex-Selva-de-Mar-amb-solete-10.jpg&quot;},{&quot;src&quot;:&quot;https:\\\/\\\/www.garciafaura.com\\\/wp-content\\\/uploads\\\/2021\\\/01\\\/Complex-Selva-de-Mar-amb-solete-09.jpg&quot;},{&quot;src&quot;:&quot;https:\\\/\\\/www.garciafaura.com\\\/wp-content\\\/uploads\\\/2021\\\/01\\\/Complex-Selva-de-Mar-amb-solete-08.jpg&quot;},{&quot;src&quot;:&quot;https:\\\/\\\/www.garciafaura.com\\\/wp-content\\\/uploads\\\/2021\\\/01\\\/Complex-Selva-de-Mar-amb-solete-07.jpg&quot;},{&quot;src&quot;:&quot;https:\\\/\\\/www.garciafaura.com\\\/wp-content\\\/uploads\\\/2021\\\/01\\\/Complex-Selva-de-Mar-amb-solete-06.jpg&quot;},{&quot;src&quot;:&quot;https:\\\/\\\/www.garciafaura.com\\\/wp-content\\\/uploads\\\/2021\\\/01\\\/Complex-Selva-de-Mar-amb-solete-05.jpg&quot;},{&quot;src&quot;:&quot;https:\\\/\\\/www.garciafaura.com\\\/wp-content\\\/uploads\\\/2021\\\/01\\\/Complex-Selva-de-Mar-amb-solete-04.jpg&quot;},{&quot;src&quot;:&quot;https:\\\/\\\/www.garciafaura.com\\\/wp-content\\\/uploads\\\/2021\\\/01\\\/Complex-Selva-de-Mar-amb-solete-03.jpg&quot;},{&quot;src&quot;:&quot;https:\\\/\\\/www.garciafaura.com\\\/wp-content\\\/uploads\\\/2021\\\/01\\\/Complex-Selva-de-Mar-amb-solete-02.jpg&quot;}]\"><img loading=\"lazy\" decoding=\"async\" data-no-lazy=\"1\" class=\"portfolio-entry-img skip-lazy\" src=\"https:\/\/www.garciafaura.com\/wp-content\/uploads\/2021\/01\/Complex-Selva-de-Mar-amb-solete-01-600x314.jpg\" alt='' data-no-retina width=\"600\" height=\"314\" \/><\/a><\/div><div class=\"portfolio-entry-details entry-details wpex-clr\"><div class=\"match-height-content\"><h2 class=\"portfolio-entry-title entry-title\"><a href=\"https:\/\/www.garciafaura.com\/es\/portfolio-item\/complejo-selva-de-mar\/\" title=\"Complejo Selva de Mar\">Complejo Selva de Mar<\/a><\/h2><div class=\"portfolio-entry-categories entry-categories wpex-clr\"><a href=\"https:\/\/www.garciafaura.com\/es\/portfolio-category\/edificios-corporativos-destacado\/\" class=\"term-48\">Edificios Corporativos Destacado<\/a><\/div><\/div><\/div><\/div><\/div><div class=\"portfolio-entry vcex-grid-item entry-has-details span_1_of_3 col col-3 vcex-isotope-entry vcex-no-margin-entry post-26200 entry type-portfolio has-media cat-45 cat-48 cat-51 cat-52 translation_priority-6\"><div class=\"portfolio-entry-inner entry-inner wpex-clr\"><div class=\"portfolio-entry-media entry-media wpex-clr\"><a href=\"https:\/\/www.garciafaura.com\/wp-content\/uploads\/2020\/11\/GARCIA-FAURA-Torre-Plaza-Europa-L-01.jpg\" title=\"Torre Plaza Europa 34\" class=\"portfolio-entry-media-link wpex-lightbox-gallery\" data-gallery=\"[{&quot;src&quot;:&quot;https:\\\/\\\/www.garciafaura.com\\\/wp-content\\\/uploads\\\/2020\\\/11\\\/GARCIA-FAURA-Torre-Plaza-Europa-L-01.jpg&quot;},{&quot;src&quot;:&quot;https:\\\/\\\/www.garciafaura.com\\\/wp-content\\\/uploads\\\/2020\\\/11\\\/GARCIA-FAURA-Torre-Plaza-Europa-L-35.jpg&quot;},{&quot;src&quot;:&quot;https:\\\/\\\/www.garciafaura.com\\\/wp-content\\\/uploads\\\/2020\\\/11\\\/GARCIA-FAURA-Torre-Plaza-Europa-L-34.jpg&quot;},{&quot;src&quot;:&quot;https:\\\/\\\/www.garciafaura.com\\\/wp-content\\\/uploads\\\/2020\\\/11\\\/GARCIA-FAURA-Torre-Plaza-Europa-L-33.jpg&quot;},{&quot;src&quot;:&quot;https:\\\/\\\/www.garciafaura.com\\\/wp-content\\\/uploads\\\/2020\\\/11\\\/GARCIA-FAURA-Torre-Plaza-Europa-L-32.jpg&quot;},{&quot;src&quot;:&quot;https:\\\/\\\/www.garciafaura.com\\\/wp-content\\\/uploads\\\/2020\\\/11\\\/GARCIA-FAURA-Torre-Plaza-Europa-L-31.jpg&quot;},{&quot;src&quot;:&quot;https:\\\/\\\/www.garciafaura.com\\\/wp-content\\\/uploads\\\/2020\\\/11\\\/GARCIA-FAURA-Torre-Plaza-Europa-L-30.jpg&quot;},{&quot;src&quot;:&quot;https:\\\/\\\/www.garciafaura.com\\\/wp-content\\\/uploads\\\/2020\\\/11\\\/GARCIA-FAURA-Torre-Plaza-Europa-L-29.jpg&quot;},{&quot;src&quot;:&quot;https:\\\/\\\/www.garciafaura.com\\\/wp-content\\\/uploads\\\/2020\\\/11\\\/GARCIA-FAURA-Torre-Plaza-Europa-L-28.jpg&quot;},{&quot;src&quot;:&quot;https:\\\/\\\/www.garciafaura.com\\\/wp-content\\\/uploads\\\/2020\\\/11\\\/GARCIA-FAURA-Torre-Plaza-Europa-L-27.jpg&quot;},{&quot;src&quot;:&quot;https:\\\/\\\/www.garciafaura.com\\\/wp-content\\\/uploads\\\/2020\\\/11\\\/GARCIA-FAURA-Torre-Plaza-Europa-L-26.jpg&quot;},{&quot;src&quot;:&quot;https:\\\/\\\/www.garciafaura.com\\\/wp-content\\\/uploads\\\/2020\\\/11\\\/GARCIA-FAURA-Torre-Plaza-Europa-L-25.jpg&quot;},{&quot;src&quot;:&quot;https:\\\/\\\/www.garciafaura.com\\\/wp-content\\\/uploads\\\/2020\\\/11\\\/GARCIA-FAURA-Torre-Plaza-Europa-L-24.jpg&quot;},{&quot;src&quot;:&quot;https:\\\/\\\/www.garciafaura.com\\\/wp-content\\\/uploads\\\/2020\\\/11\\\/GARCIA-FAURA-Torre-Plaza-Europa-L-23.jpg&quot;},{&quot;src&quot;:&quot;https:\\\/\\\/www.garciafaura.com\\\/wp-content\\\/uploads\\\/2020\\\/11\\\/GARCIA-FAURA-Torre-Plaza-Europa-L-22.jpg&quot;},{&quot;src&quot;:&quot;https:\\\/\\\/www.garciafaura.com\\\/wp-content\\\/uploads\\\/2020\\\/11\\\/GARCIA-FAURA-Torre-Plaza-Europa-L-21.jpg&quot;},{&quot;src&quot;:&quot;https:\\\/\\\/www.garciafaura.com\\\/wp-content\\\/uploads\\\/2020\\\/11\\\/GARCIA-FAURA-Torre-Plaza-Europa-L-20.jpg&quot;},{&quot;src&quot;:&quot;https:\\\/\\\/www.garciafaura.com\\\/wp-content\\\/uploads\\\/2020\\\/11\\\/GARCIA-FAURA-Torre-Plaza-Europa-L-19.jpg&quot;},{&quot;src&quot;:&quot;https:\\\/\\\/www.garciafaura.com\\\/wp-content\\\/uploads\\\/2020\\\/11\\\/GARCIA-FAURA-Torre-Plaza-Europa-L-18.jpg&quot;},{&quot;src&quot;:&quot;https:\\\/\\\/www.garciafaura.com\\\/wp-content\\\/uploads\\\/2020\\\/11\\\/GARCIA-FAURA-Torre-Plaza-Europa-L-17.jpg&quot;},{&quot;src&quot;:&quot;https:\\\/\\\/www.garciafaura.com\\\/wp-content\\\/uploads\\\/2020\\\/11\\\/GARCIA-FAURA-Torre-Plaza-Europa-L-16.jpg&quot;},{&quot;src&quot;:&quot;https:\\\/\\\/www.garciafaura.com\\\/wp-content\\\/uploads\\\/2020\\\/11\\\/GARCIA-FAURA-Torre-Plaza-Europa-L-15.jpg&quot;},{&quot;src&quot;:&quot;https:\\\/\\\/www.garciafaura.com\\\/wp-content\\\/uploads\\\/2020\\\/11\\\/GARCIA-FAURA-Torre-Plaza-Europa-L-14.jpg&quot;},{&quot;src&quot;:&quot;https:\\\/\\\/www.garciafaura.com\\\/wp-content\\\/uploads\\\/2020\\\/11\\\/GARCIA-FAURA-Torre-Plaza-Europa-L-13.jpg&quot;},{&quot;src&quot;:&quot;https:\\\/\\\/www.garciafaura.com\\\/wp-content\\\/uploads\\\/2020\\\/11\\\/GARCIA-FAURA-Torre-Plaza-Europa-L-12.jpg&quot;},{&quot;src&quot;:&quot;https:\\\/\\\/www.garciafaura.com\\\/wp-content\\\/uploads\\\/2020\\\/11\\\/GARCIA-FAURA-Torre-Plaza-Europa-L-11.jpg&quot;},{&quot;src&quot;:&quot;https:\\\/\\\/www.garciafaura.com\\\/wp-content\\\/uploads\\\/2020\\\/11\\\/GARCIA-FAURA-Torre-Plaza-Europa-L-10.jpg&quot;},{&quot;src&quot;:&quot;https:\\\/\\\/www.garciafaura.com\\\/wp-content\\\/uploads\\\/2020\\\/11\\\/GARCIA-FAURA-Torre-Plaza-Europa-L-9.jpg&quot;},{&quot;src&quot;:&quot;https:\\\/\\\/www.garciafaura.com\\\/wp-content\\\/uploads\\\/2020\\\/11\\\/GARCIA-FAURA-Torre-Plaza-Europa-L-8.jpg&quot;},{&quot;src&quot;:&quot;https:\\\/\\\/www.garciafaura.com\\\/wp-content\\\/uploads\\\/2020\\\/11\\\/GARCIA-FAURA-Torre-Plaza-Europa-L-7.jpg&quot;},{&quot;src&quot;:&quot;https:\\\/\\\/www.garciafaura.com\\\/wp-content\\\/uploads\\\/2020\\\/11\\\/GARCIA-FAURA-Torre-Plaza-Europa-L-6.jpg&quot;},{&quot;src&quot;:&quot;https:\\\/\\\/www.garciafaura.com\\\/wp-content\\\/uploads\\\/2020\\\/11\\\/GARCIA-FAURA-Torre-Plaza-Europa-L-5.jpg&quot;},{&quot;src&quot;:&quot;https:\\\/\\\/www.garciafaura.com\\\/wp-content\\\/uploads\\\/2020\\\/11\\\/GARCIA-FAURA-Torre-Plaza-Europa-L-4.jpg&quot;},{&quot;src&quot;:&quot;https:\\\/\\\/www.garciafaura.com\\\/wp-content\\\/uploads\\\/2020\\\/11\\\/GARCIA-FAURA-Torre-Plaza-Europa-L-3.jpg&quot;},{&quot;src&quot;:&quot;https:\\\/\\\/www.garciafaura.com\\\/wp-content\\\/uploads\\\/2020\\\/11\\\/GARCIA-FAURA-Torre-Plaza-Europa-L-2.jpg&quot;}]\"><img loading=\"lazy\" decoding=\"async\" data-no-lazy=\"1\" class=\"portfolio-entry-img skip-lazy\" src=\"https:\/\/www.garciafaura.com\/wp-content\/uploads\/2020\/11\/GARCIA-FAURA-Torre-Plaza-Europa-L-01-600x314.jpg\" alt='' data-no-retina width=\"600\" height=\"314\" \/><\/a><\/div><div class=\"portfolio-entry-details entry-details wpex-clr\"><div class=\"match-height-content\"><h2 class=\"portfolio-entry-title entry-title\"><a href=\"https:\/\/www.garciafaura.com\/es\/portfolio-item\/torre-bcn\/\" title=\"Torre Plaza Europa 34\">Torre Plaza Europa 34<\/a><\/h2><div class=\"portfolio-entry-categories entry-categories wpex-clr\"><a href=\"https:\/\/www.garciafaura.com\/es\/portfolio-category\/edificios-corporativos\/\" class=\"term-45\">Edificios Corporativos<\/a><\/div><\/div><\/div><\/div><\/div><div class=\"portfolio-entry vcex-grid-item entry-has-details span_1_of_3 col col-1 vcex-isotope-entry vcex-no-margin-entry post-24702 entry type-portfolio has-media cat-45 cat-51 cat-52 cat-58 cat-59 translation_priority-6\"><div class=\"portfolio-entry-inner entry-inner wpex-clr\"><div class=\"portfolio-entry-media entry-media wpex-clr\"><a href=\"https:\/\/www.garciafaura.com\/wp-content\/uploads\/2020\/01\/Rehabilitacio-Oficines-Diagonal-525-12.jpg\" title=\"Rehabilitaci\u00f3n Oficinas Diagonal 525\" class=\"portfolio-entry-media-link wpex-lightbox-gallery\" data-gallery=\"[{&quot;src&quot;:&quot;https:\\\/\\\/www.garciafaura.com\\\/wp-content\\\/uploads\\\/2020\\\/01\\\/Rehabilitacio-Oficines-Diagonal-525-12.jpg&quot;},{&quot;src&quot;:&quot;https:\\\/\\\/www.garciafaura.com\\\/wp-content\\\/uploads\\\/2020\\\/01\\\/Rehabilitacio-Oficines-Diagonal-525-11.jpg&quot;},{&quot;src&quot;:&quot;https:\\\/\\\/www.garciafaura.com\\\/wp-content\\\/uploads\\\/2020\\\/01\\\/Rehabilitacio-Oficines-Diagonal-525-10.jpg&quot;},{&quot;src&quot;:&quot;https:\\\/\\\/www.garciafaura.com\\\/wp-content\\\/uploads\\\/2020\\\/01\\\/Rehabilitacio-Oficines-Diagonal-525-09.jpg&quot;},{&quot;src&quot;:&quot;https:\\\/\\\/www.garciafaura.com\\\/wp-content\\\/uploads\\\/2020\\\/01\\\/Rehabilitacio-Oficines-Diagonal-525-08.jpg&quot;},{&quot;src&quot;:&quot;https:\\\/\\\/www.garciafaura.com\\\/wp-content\\\/uploads\\\/2020\\\/01\\\/Rehabilitacio-Oficines-Diagonal-525-07.jpg&quot;},{&quot;src&quot;:&quot;https:\\\/\\\/www.garciafaura.com\\\/wp-content\\\/uploads\\\/2020\\\/01\\\/Rehabilitacio-Oficines-Diagonal-525-06.jpg&quot;},{&quot;src&quot;:&quot;https:\\\/\\\/www.garciafaura.com\\\/wp-content\\\/uploads\\\/2020\\\/01\\\/Rehabilitacio-Oficines-Diagonal-525-05.jpg&quot;},{&quot;src&quot;:&quot;https:\\\/\\\/www.garciafaura.com\\\/wp-content\\\/uploads\\\/2020\\\/01\\\/Rehabilitacio-Oficines-Diagonal-525-04.jpg&quot;},{&quot;src&quot;:&quot;https:\\\/\\\/www.garciafaura.com\\\/wp-content\\\/uploads\\\/2020\\\/01\\\/Rehabilitacio-Oficines-Diagonal-525-03.jpg&quot;},{&quot;src&quot;:&quot;https:\\\/\\\/www.garciafaura.com\\\/wp-content\\\/uploads\\\/2020\\\/01\\\/Rehabilitacio-Oficines-Diagonal-525-02.jpg&quot;},{&quot;src&quot;:&quot;https:\\\/\\\/www.garciafaura.com\\\/wp-content\\\/uploads\\\/2020\\\/01\\\/Rehabilitacio-Oficines-Diagonal-525-01.jpg&quot;}]\"><img loading=\"lazy\" decoding=\"async\" data-no-lazy=\"1\" class=\"portfolio-entry-img skip-lazy\" src=\"https:\/\/www.garciafaura.com\/wp-content\/uploads\/2020\/01\/Rehabilitacio-Oficines-Diagonal-525-12-600x314.jpg\" alt='' data-no-retina width=\"600\" height=\"314\" \/><\/a><\/div><div class=\"portfolio-entry-details entry-details wpex-clr\"><div class=\"match-height-content\"><h2 class=\"portfolio-entry-title entry-title\"><a href=\"https:\/\/www.garciafaura.com\/es\/portfolio-item\/oficinas-diagonal-525\/\" title=\"Rehabilitaci\u00f3n Oficinas Diagonal 525\">Rehabilitaci\u00f3n Oficinas Diagonal 525<\/a><\/h2><div class=\"portfolio-entry-categories entry-categories wpex-clr\"><a href=\"https:\/\/www.garciafaura.com\/es\/portfolio-category\/fachadas-destacado\/\" class=\"term-52\">Fachadas Destacado<\/a><\/div><\/div><\/div><\/div><\/div><div class=\"portfolio-entry vcex-grid-item entry-has-details span_1_of_3 col col-2 vcex-isotope-entry vcex-no-margin-entry post-23404 entry type-portfolio has-media cat-46 cat-47 cat-51 cat-52 cat-55 cat-56 translation_priority-6\"><div class=\"portfolio-entry-inner entry-inner wpex-clr\"><div class=\"portfolio-entry-media entry-media wpex-clr\"><a href=\"https:\/\/www.garciafaura.com\/wp-content\/uploads\/2019\/09\/Torre-Vitrvm-01.jpg\" title=\"Torre Vitrvm\" class=\"portfolio-entry-media-link wpex-lightbox-gallery\" data-gallery=\"[{&quot;src&quot;:&quot;https:\\\/\\\/www.garciafaura.com\\\/wp-content\\\/uploads\\\/2019\\\/09\\\/Torre-Vitrvm-01.jpg&quot;},{&quot;src&quot;:&quot;https:\\\/\\\/www.garciafaura.com\\\/wp-content\\\/uploads\\\/2019\\\/09\\\/Torre-Vitrvm-16.jpg&quot;},{&quot;src&quot;:&quot;https:\\\/\\\/www.garciafaura.com\\\/wp-content\\\/uploads\\\/2019\\\/09\\\/Torre-Vitrvm-15.jpg&quot;},{&quot;src&quot;:&quot;https:\\\/\\\/www.garciafaura.com\\\/wp-content\\\/uploads\\\/2019\\\/09\\\/Torre-Vitrvm-14.jpg&quot;},{&quot;src&quot;:&quot;https:\\\/\\\/www.garciafaura.com\\\/wp-content\\\/uploads\\\/2019\\\/09\\\/Torre-Vitrvm-13.jpg&quot;},{&quot;src&quot;:&quot;https:\\\/\\\/www.garciafaura.com\\\/wp-content\\\/uploads\\\/2019\\\/09\\\/Torre-Vitrvm-12.jpg&quot;},{&quot;src&quot;:&quot;https:\\\/\\\/www.garciafaura.com\\\/wp-content\\\/uploads\\\/2019\\\/09\\\/Torre-Vitrvm-11.jpg&quot;},{&quot;src&quot;:&quot;https:\\\/\\\/www.garciafaura.com\\\/wp-content\\\/uploads\\\/2019\\\/09\\\/Torre-Vitrvm-10.jpg&quot;},{&quot;src&quot;:&quot;https:\\\/\\\/www.garciafaura.com\\\/wp-content\\\/uploads\\\/2019\\\/09\\\/Torre-Vitrvm-09.jpg&quot;},{&quot;src&quot;:&quot;https:\\\/\\\/www.garciafaura.com\\\/wp-content\\\/uploads\\\/2019\\\/09\\\/Torre-Vitrvm-08.jpg&quot;},{&quot;src&quot;:&quot;https:\\\/\\\/www.garciafaura.com\\\/wp-content\\\/uploads\\\/2019\\\/09\\\/Torre-Vitrvm-07.jpg&quot;},{&quot;src&quot;:&quot;https:\\\/\\\/www.garciafaura.com\\\/wp-content\\\/uploads\\\/2019\\\/09\\\/Torre-Vitrvm-06.jpg&quot;},{&quot;src&quot;:&quot;https:\\\/\\\/www.garciafaura.com\\\/wp-content\\\/uploads\\\/2019\\\/09\\\/Torre-Vitrvm-05.jpg&quot;},{&quot;src&quot;:&quot;https:\\\/\\\/www.garciafaura.com\\\/wp-content\\\/uploads\\\/2019\\\/09\\\/Torre-Vitrvm-04.jpg&quot;},{&quot;src&quot;:&quot;https:\\\/\\\/www.garciafaura.com\\\/wp-content\\\/uploads\\\/2019\\\/09\\\/Torre-Vitrvm-03.jpg&quot;},{&quot;src&quot;:&quot;https:\\\/\\\/www.garciafaura.com\\\/wp-content\\\/uploads\\\/2019\\\/09\\\/Torre-Vitrvm-02.jpg&quot;}]\"><img loading=\"lazy\" decoding=\"async\" data-no-lazy=\"1\" class=\"portfolio-entry-img skip-lazy\" src=\"https:\/\/www.garciafaura.com\/wp-content\/uploads\/2019\/09\/Torre-Vitrvm-01-600x314.jpg\" alt='' data-no-retina width=\"600\" height=\"314\" \/><\/a><\/div><div class=\"portfolio-entry-details entry-details wpex-clr\"><div class=\"match-height-content\"><h2 class=\"portfolio-entry-title entry-title\"><a href=\"https:\/\/www.garciafaura.com\/es\/portfolio-item\/torre-vitrvm\/\" title=\"Torre Vitrvm\">Torre Vitrvm<\/a><\/h2><div class=\"portfolio-entry-categories entry-categories wpex-clr\"><a href=\"https:\/\/www.garciafaura.com\/es\/portfolio-category\/conjuntos-residenciales\/\" class=\"term-46\">Conjuntos residenciales<\/a><\/div><\/div><\/div><\/div><\/div><div class=\"portfolio-entry vcex-grid-item entry-has-details span_1_of_3 col col-3 vcex-isotope-entry vcex-no-margin-entry post-23206 entry type-portfolio has-media cat-45 cat-48 cat-51 cat-52 translation_priority-6\"><div class=\"portfolio-entry-inner entry-inner wpex-clr\"><div class=\"portfolio-entry-media entry-media wpex-clr\"><a href=\"https:\/\/www.garciafaura.com\/wp-content\/uploads\/2019\/09\/Ampliacio\u0301-Oficines-Plac\u0327a-Europa-01.jpg\" title=\"Ampliaci\u00f3n Oficinas Plaza Europa\" class=\"portfolio-entry-media-link wpex-lightbox-gallery\" data-gallery=\"[{&quot;src&quot;:&quot;https:\\\/\\\/www.garciafaura.com\\\/wp-content\\\/uploads\\\/2019\\\/09\\\/Ampliacio\\u0301-Oficines-Plac\\u0327a-Europa-01.jpg&quot;},{&quot;src&quot;:&quot;https:\\\/\\\/www.garciafaura.com\\\/wp-content\\\/uploads\\\/2019\\\/09\\\/Ampliacio\\u0301-Oficines-Plac\\u0327a-Europa-15.jpg&quot;},{&quot;src&quot;:&quot;https:\\\/\\\/www.garciafaura.com\\\/wp-content\\\/uploads\\\/2019\\\/09\\\/Ampliacio\\u0301-Oficines-Plac\\u0327a-Europa-14.jpg&quot;},{&quot;src&quot;:&quot;https:\\\/\\\/www.garciafaura.com\\\/wp-content\\\/uploads\\\/2019\\\/09\\\/Ampliacio\\u0301-Oficines-Plac\\u0327a-Europa-13.jpg&quot;},{&quot;src&quot;:&quot;https:\\\/\\\/www.garciafaura.com\\\/wp-content\\\/uploads\\\/2019\\\/09\\\/Ampliacio\\u0301-Oficines-Plac\\u0327a-Europa-12.jpg&quot;},{&quot;src&quot;:&quot;https:\\\/\\\/www.garciafaura.com\\\/wp-content\\\/uploads\\\/2019\\\/09\\\/Ampliacio\\u0301-Oficines-Plac\\u0327a-Europa-11.jpg&quot;},{&quot;src&quot;:&quot;https:\\\/\\\/www.garciafaura.com\\\/wp-content\\\/uploads\\\/2019\\\/09\\\/Ampliacio\\u0301-Oficines-Plac\\u0327a-Europa-10.jpg&quot;},{&quot;src&quot;:&quot;https:\\\/\\\/www.garciafaura.com\\\/wp-content\\\/uploads\\\/2019\\\/09\\\/Ampliacio\\u0301-Oficines-Plac\\u0327a-Europa-09.jpg&quot;},{&quot;src&quot;:&quot;https:\\\/\\\/www.garciafaura.com\\\/wp-content\\\/uploads\\\/2019\\\/09\\\/Ampliacio\\u0301-Oficines-Plac\\u0327a-Europa-08.jpg&quot;},{&quot;src&quot;:&quot;https:\\\/\\\/www.garciafaura.com\\\/wp-content\\\/uploads\\\/2019\\\/09\\\/Ampliacio\\u0301-Oficines-Plac\\u0327a-Europa-07.jpg&quot;},{&quot;src&quot;:&quot;https:\\\/\\\/www.garciafaura.com\\\/wp-content\\\/uploads\\\/2019\\\/09\\\/Ampliacio\\u0301-Oficines-Plac\\u0327a-Europa-06.jpg&quot;},{&quot;src&quot;:&quot;https:\\\/\\\/www.garciafaura.com\\\/wp-content\\\/uploads\\\/2019\\\/09\\\/Ampliacio\\u0301-Oficines-Plac\\u0327a-Europa-05.jpg&quot;},{&quot;src&quot;:&quot;https:\\\/\\\/www.garciafaura.com\\\/wp-content\\\/uploads\\\/2019\\\/09\\\/Ampliacio\\u0301-Oficines-Plac\\u0327a-Europa-04.jpg&quot;},{&quot;src&quot;:&quot;https:\\\/\\\/www.garciafaura.com\\\/wp-content\\\/uploads\\\/2019\\\/09\\\/Ampliacio\\u0301-Oficines-Plac\\u0327a-Europa-03.jpg&quot;},{&quot;src&quot;:&quot;https:\\\/\\\/www.garciafaura.com\\\/wp-content\\\/uploads\\\/2019\\\/09\\\/Ampliacio\\u0301-Oficines-Plac\\u0327a-Europa-02.jpg&quot;}]\"><img loading=\"lazy\" decoding=\"async\" data-no-lazy=\"1\" class=\"portfolio-entry-img skip-lazy\" src=\"https:\/\/www.garciafaura.com\/wp-content\/uploads\/2019\/09\/Ampliacio\u0301-Oficines-Plac\u0327a-Europa-01-600x314.jpg\" alt='' data-no-retina width=\"600\" height=\"314\" \/><\/a><\/div><div class=\"portfolio-entry-details entry-details wpex-clr\"><div class=\"match-height-content\"><h2 class=\"portfolio-entry-title entry-title\"><a href=\"https:\/\/www.garciafaura.com\/es\/portfolio-item\/ampliacion-oficinas-plaza-europa\/\" title=\"Ampliaci\u00f3n Oficinas Plaza Europa\">Ampliaci\u00f3n Oficinas Plaza Europa<\/a><\/h2><div class=\"portfolio-entry-categories entry-categories wpex-clr\"><a href=\"https:\/\/www.garciafaura.com\/es\/portfolio-category\/edificios-corporativos-destacado\/\" class=\"term-48\">Edificios Corporativos Destacado<\/a><\/div><\/div><\/div><\/div><\/div><div class=\"portfolio-entry vcex-grid-item entry-has-details span_1_of_3 col col-1 vcex-isotope-entry vcex-no-margin-entry post-22866 entry type-portfolio has-media cat-49 cat-51 translation_priority-6\"><div class=\"portfolio-entry-inner entry-inner wpex-clr\"><div class=\"portfolio-entry-media entry-media wpex-clr\"><a href=\"https:\/\/www.garciafaura.com\/wp-content\/uploads\/2019\/09\/Poliesportiu-Turo-Peira-01.jpg\" title=\"Polideportivo Tur\u00f3 de la Peira\" class=\"portfolio-entry-media-link wpex-lightbox-gallery\" data-gallery=\"[{&quot;src&quot;:&quot;https:\\\/\\\/www.garciafaura.com\\\/wp-content\\\/uploads\\\/2019\\\/09\\\/Poliesportiu-Turo-Peira-01.jpg&quot;,&quot;title&quot;:&quot;Desarrollo de fachada y cerramientos met\\u00e1licos para este nuevo equipamiento deportivo de Barcelona, que incorpora numerosos elementos que favorecen su eficiencia energ\\u00e9tica.&quot;},{&quot;src&quot;:&quot;https:\\\/\\\/www.garciafaura.com\\\/wp-content\\\/uploads\\\/2019\\\/09\\\/Poliesportiu-Turo-Peira-12.jpg&quot;,&quot;title&quot;:&quot;Desenvolupament de fa\\u00e7ana i tancaments met\\u00e0l\\u00b7lics per a aquest nou equipament esportiu de Barcelona, que incorpora nombrosos elements que afavoreixen la seva efici\\u00e8ncia energ\\u00e8tica&quot;},{&quot;src&quot;:&quot;https:\\\/\\\/www.garciafaura.com\\\/wp-content\\\/uploads\\\/2019\\\/09\\\/Poliesportiu-Turo-Peira-11.jpg&quot;,&quot;title&quot;:&quot;Desarrollo de fachada y cerramientos met\\u00e1licos para este nuevo equipamiento deportivo de Barcelona, que incorpora numerosos elementos que favorecen su eficiencia energ\\u00e9tica.&quot;},{&quot;src&quot;:&quot;https:\\\/\\\/www.garciafaura.com\\\/wp-content\\\/uploads\\\/2019\\\/09\\\/Poliesportiu-Turo-Peira-10.jpg&quot;,&quot;title&quot;:&quot;Desarrollo de fachada y cerramientos met\\u00e1licos para este nuevo equipamiento deportivo de Barcelona, que incorpora numerosos elementos que favorecen su eficiencia energ\\u00e9tica.&quot;},{&quot;src&quot;:&quot;https:\\\/\\\/www.garciafaura.com\\\/wp-content\\\/uploads\\\/2019\\\/09\\\/Poliesportiu-Turo-Peira-09.jpg&quot;,&quot;title&quot;:&quot;Desarrollo de fachada y cerramientos met\\u00e1licos para este nuevo equipamiento deportivo de Barcelona, que incorpora numerosos elementos que favorecen su eficiencia energ\\u00e9tica.&quot;},{&quot;src&quot;:&quot;https:\\\/\\\/www.garciafaura.com\\\/wp-content\\\/uploads\\\/2019\\\/09\\\/Poliesportiu-Turo-Peira-08.jpg&quot;,&quot;title&quot;:&quot;Desarrollo de fachada y cerramientos met\\u00e1licos para este nuevo equipamiento deportivo de Barcelona, que incorpora numerosos elementos que favorecen su eficiencia energ\\u00e9tica.&quot;},{&quot;src&quot;:&quot;https:\\\/\\\/www.garciafaura.com\\\/wp-content\\\/uploads\\\/2019\\\/09\\\/Poliesportiu-Turo-Peira-07.jpg&quot;,&quot;title&quot;:&quot;Desarrollo de fachada y cerramientos met\\u00e1licos para este nuevo equipamiento deportivo de Barcelona, que incorpora numerosos elementos que favorecen su eficiencia energ\\u00e9tica.&quot;},{&quot;src&quot;:&quot;https:\\\/\\\/www.garciafaura.com\\\/wp-content\\\/uploads\\\/2019\\\/09\\\/Poliesportiu-Turo-Peira-06.jpg&quot;,&quot;title&quot;:&quot;Desarrollo de fachada y cerramientos met\\u00e1licos para este nuevo equipamiento deportivo de Barcelona, que incorpora numerosos elementos que favorecen su eficiencia energ\\u00e9tica.&quot;},{&quot;src&quot;:&quot;https:\\\/\\\/www.garciafaura.com\\\/wp-content\\\/uploads\\\/2019\\\/09\\\/Poliesportiu-Turo-Peira-05.jpg&quot;,&quot;title&quot;:&quot;Desarrollo de fachada y cerramientos met\\u00e1licos para este nuevo equipamiento deportivo de Barcelona, que incorpora numerosos elementos que favorecen su eficiencia energ\\u00e9tica.&quot;},{&quot;src&quot;:&quot;https:\\\/\\\/www.garciafaura.com\\\/wp-content\\\/uploads\\\/2019\\\/09\\\/Poliesportiu-Turo-Peira-04.jpg&quot;,&quot;title&quot;:&quot;Desarrollo de fachada y cerramientos met\\u00e1licos para este nuevo equipamiento deportivo de Barcelona, que incorpora numerosos elementos que favorecen su eficiencia energ\\u00e9tica.&quot;},{&quot;src&quot;:&quot;https:\\\/\\\/www.garciafaura.com\\\/wp-content\\\/uploads\\\/2019\\\/09\\\/Poliesportiu-Turo-Peira-03.jpg&quot;,&quot;title&quot;:&quot;Desarrollo de fachada y cerramientos met\\u00e1licos para este nuevo equipamiento deportivo de Barcelona, que incorpora numerosos elementos que favorecen su eficiencia energ\\u00e9tica.&quot;},{&quot;src&quot;:&quot;https:\\\/\\\/www.garciafaura.com\\\/wp-content\\\/uploads\\\/2019\\\/09\\\/Poliesportiu-Turo-Peira-02.jpg&quot;,&quot;title&quot;:&quot;Desarrollo de fachada y cerramientos met\\u00e1licos para este nuevo equipamiento deportivo de Barcelona, que incorpora numerosos elementos que favorecen su eficiencia energ\\u00e9tica.&quot;}]\"><img loading=\"lazy\" decoding=\"async\" data-no-lazy=\"1\" class=\"portfolio-entry-img skip-lazy\" src=\"https:\/\/www.garciafaura.com\/wp-content\/uploads\/2019\/09\/Poliesportiu-Turo-Peira-01-600x314.jpg\" alt=\"Desarrollo De Fachada Y Cerramientos Met\u00e1licos Para Este Nuevo Equipamiento Deportivo De Barcelona, Que Incorpora Numerosos Elementos Que Favorecen Su Eficiencia Energ\u00e9tica.\" data-no-retina width=\"600\" height=\"314\" \/><\/a><\/div><div class=\"portfolio-entry-details entry-details wpex-clr\"><div class=\"match-height-content\"><h2 class=\"portfolio-entry-title entry-title\"><a href=\"https:\/\/www.garciafaura.com\/es\/portfolio-item\/polideportivo-turo-de-la-peira\/\" title=\"Polideportivo Tur\u00f3 de la Peira\">Polideportivo Tur\u00f3 de la Peira<\/a><\/h2><div class=\"portfolio-entry-categories entry-categories wpex-clr\"><a href=\"https:\/\/www.garciafaura.com\/es\/portfolio-category\/edificios-de-servicios\/\" class=\"term-49\">Edificios de Servicios<\/a><\/div><\/div><\/div><\/div><\/div><div class=\"portfolio-entry vcex-grid-item entry-has-details span_1_of_3 col col-2 vcex-isotope-entry vcex-no-margin-entry post-22800 entry type-portfolio has-media cat-50 cat-51 cat-52 cat-54 cat-55 cat-56 translation_priority-6\"><div class=\"portfolio-entry-inner entry-inner wpex-clr\"><div class=\"portfolio-entry-media entry-media wpex-clr\"><a href=\"https:\/\/www.garciafaura.com\/wp-content\/uploads\/2021\/01\/OBH-Luxemburg-08.jpg\" title=\"Oficinas y hotel en Luxemburgo\" class=\"portfolio-entry-media-link wpex-lightbox-gallery\" data-gallery=\"[{&quot;src&quot;:&quot;https:\\\/\\\/www.garciafaura.com\\\/wp-content\\\/uploads\\\/2021\\\/01\\\/OBH-Luxemburg-08.jpg&quot;},{&quot;src&quot;:&quot;https:\\\/\\\/www.garciafaura.com\\\/wp-content\\\/uploads\\\/2021\\\/01\\\/OBH-Luxemburg-07.jpg&quot;},{&quot;src&quot;:&quot;https:\\\/\\\/www.garciafaura.com\\\/wp-content\\\/uploads\\\/2021\\\/01\\\/OBH-Luxemburg-06.jpg&quot;},{&quot;src&quot;:&quot;https:\\\/\\\/www.garciafaura.com\\\/wp-content\\\/uploads\\\/2021\\\/01\\\/OBH-Luxemburg-05.jpg&quot;},{&quot;src&quot;:&quot;https:\\\/\\\/www.garciafaura.com\\\/wp-content\\\/uploads\\\/2021\\\/01\\\/OBH-Luxemburg-04.jpg&quot;},{&quot;src&quot;:&quot;https:\\\/\\\/www.garciafaura.com\\\/wp-content\\\/uploads\\\/2021\\\/01\\\/OBH-Luxemburg-03.jpg&quot;},{&quot;src&quot;:&quot;https:\\\/\\\/www.garciafaura.com\\\/wp-content\\\/uploads\\\/2021\\\/01\\\/OBH-Luxemburg-02.jpg&quot;},{&quot;src&quot;:&quot;https:\\\/\\\/www.garciafaura.com\\\/wp-content\\\/uploads\\\/2021\\\/01\\\/OBH-Luxemburg-01.jpg&quot;}]\"><img loading=\"lazy\" decoding=\"async\" data-no-lazy=\"1\" class=\"portfolio-entry-img skip-lazy\" src=\"https:\/\/www.garciafaura.com\/wp-content\/uploads\/2021\/01\/OBH-Luxemburg-08-600x314.jpg\" alt='' data-no-retina width=\"600\" height=\"314\" \/><\/a><\/div><div class=\"portfolio-entry-details entry-details wpex-clr\"><div class=\"match-height-content\"><h2 class=\"portfolio-entry-title entry-title\"><a href=\"https:\/\/www.garciafaura.com\/es\/portfolio-item\/complejo-de-oficinas-y-hotel-en-luxemburgo\/\" title=\"Oficinas y hotel en Luxemburgo\">Oficinas y hotel en Luxemburgo<\/a><\/h2><div class=\"portfolio-entry-categories entry-categories wpex-clr\"><a href=\"https:\/\/www.garciafaura.com\/es\/portfolio-category\/fachadas-destacado\/\" class=\"term-52\">Fachadas Destacado<\/a><\/div><\/div><\/div><\/div><\/div><div class=\"portfolio-entry vcex-grid-item entry-has-details span_1_of_3 col col-3 vcex-isotope-entry vcex-no-margin-entry post-22769 entry type-portfolio has-media cat-45 cat-51 cat-58 translation_priority-6\"><div class=\"portfolio-entry-inner entry-inner wpex-clr\"><div class=\"portfolio-entry-media entry-media wpex-clr\"><a href=\"https:\/\/www.garciafaura.com\/wp-content\/uploads\/2019\/07\/IMG_2838.jpg\" title=\"Rehabilitaci\u00f3n de la Torre Mapfre\" class=\"portfolio-entry-media-link wpex-lightbox-gallery\" data-gallery=\"[{&quot;src&quot;:&quot;https:\\\/\\\/www.garciafaura.com\\\/wp-content\\\/uploads\\\/2019\\\/07\\\/IMG_2838.jpg&quot;},{&quot;src&quot;:&quot;https:\\\/\\\/www.garciafaura.com\\\/wp-content\\\/uploads\\\/2019\\\/07\\\/IMG_2826.jpg&quot;},{&quot;src&quot;:&quot;https:\\\/\\\/www.garciafaura.com\\\/wp-content\\\/uploads\\\/2019\\\/07\\\/IMG_2855.jpg&quot;},{&quot;src&quot;:&quot;https:\\\/\\\/www.garciafaura.com\\\/wp-content\\\/uploads\\\/2019\\\/07\\\/IMG_2853.jpg&quot;},{&quot;src&quot;:&quot;https:\\\/\\\/www.garciafaura.com\\\/wp-content\\\/uploads\\\/2019\\\/07\\\/IMG_2848.jpg&quot;},{&quot;src&quot;:&quot;https:\\\/\\\/www.garciafaura.com\\\/wp-content\\\/uploads\\\/2019\\\/07\\\/IMG_2846.jpg&quot;},{&quot;src&quot;:&quot;https:\\\/\\\/www.garciafaura.com\\\/wp-content\\\/uploads\\\/2019\\\/07\\\/IMG_2845.jpg&quot;},{&quot;src&quot;:&quot;https:\\\/\\\/www.garciafaura.com\\\/wp-content\\\/uploads\\\/2019\\\/07\\\/IMG_2843.jpg&quot;},{&quot;src&quot;:&quot;https:\\\/\\\/www.garciafaura.com\\\/wp-content\\\/uploads\\\/2019\\\/07\\\/IMG_2842.jpg&quot;},{&quot;src&quot;:&quot;https:\\\/\\\/www.garciafaura.com\\\/wp-content\\\/uploads\\\/2019\\\/07\\\/IMG_2839.jpg&quot;},{&quot;src&quot;:&quot;https:\\\/\\\/www.garciafaura.com\\\/wp-content\\\/uploads\\\/2019\\\/07\\\/IMG_2833.jpg&quot;}]\"><img loading=\"lazy\" decoding=\"async\" data-no-lazy=\"1\" class=\"portfolio-entry-img skip-lazy\" src=\"https:\/\/www.garciafaura.com\/wp-content\/uploads\/2019\/07\/IMG_2838-600x314.jpg\" alt='' data-no-retina width=\"600\" height=\"314\" \/><\/a><\/div><div class=\"portfolio-entry-details entry-details wpex-clr\"><div class=\"match-height-content\"><h2 class=\"portfolio-entry-title entry-title\"><a href=\"https:\/\/www.garciafaura.com\/es\/portfolio-item\/rehabilitacion-de-la-torre-mapfre\/\" title=\"Rehabilitaci\u00f3n de la Torre Mapfre\">Rehabilitaci\u00f3n de la Torre Mapfre<\/a><\/h2><div class=\"portfolio-entry-categories entry-categories wpex-clr\"><a href=\"https:\/\/www.garciafaura.com\/es\/portfolio-category\/edificios-corporativos\/\" class=\"term-45\">Edificios Corporativos<\/a><\/div><\/div><\/div><\/div><\/div><div class=\"portfolio-entry vcex-grid-item entry-has-details span_1_of_3 col col-1 vcex-isotope-entry vcex-no-margin-entry post-19086 entry type-portfolio has-media cat-51 cat-52 cat-53 cat-54 cat-55 cat-56 translation_priority-6\"><div class=\"portfolio-entry-inner entry-inner wpex-clr\"><div class=\"portfolio-entry-media entry-media wpex-clr\"><a href=\"https:\/\/www.garciafaura.com\/wp-content\/uploads\/2019\/04\/HiltonCorferias3.jpg\" title=\"Hotel Hilton Corferias\" class=\"portfolio-entry-media-link wpex-lightbox-gallery\" data-gallery=\"[{&quot;src&quot;:&quot;https:\\\/\\\/www.garciafaura.com\\\/wp-content\\\/uploads\\\/2019\\\/04\\\/HiltonCorferias8.jpg&quot;,&quot;title&quot;:&quot;Trabajos en el nuevo Hotel Hilton de Bogot\\u00e1, Colombia&quot;},{&quot;src&quot;:&quot;https:\\\/\\\/www.garciafaura.com\\\/wp-content\\\/uploads\\\/2019\\\/04\\\/HiltonCorferias7.jpg&quot;,&quot;title&quot;:&quot;Trabajos en el nuevo Hotel Hilton de Bogot\\u00e1, Colombia&quot;},{&quot;src&quot;:&quot;https:\\\/\\\/www.garciafaura.com\\\/wp-content\\\/uploads\\\/2019\\\/04\\\/HiltonCorferias6.jpg&quot;,&quot;title&quot;:&quot;Trabajos en el nuevo Hotel Hilton de Bogot\\u00e1, Colombia&quot;},{&quot;src&quot;:&quot;https:\\\/\\\/www.garciafaura.com\\\/wp-content\\\/uploads\\\/2019\\\/04\\\/HiltonCorferias5.jpg&quot;,&quot;title&quot;:&quot;Trabajos en el nuevo Hotel Hilton de Bogot\\u00e1, Colombia&quot;},{&quot;src&quot;:&quot;https:\\\/\\\/www.garciafaura.com\\\/wp-content\\\/uploads\\\/2019\\\/04\\\/HiltonCorferias4.jpg&quot;,&quot;title&quot;:&quot;Trabajos en el nuevo Hotel Hilton de Bogot\\u00e1, Colombia&quot;},{&quot;src&quot;:&quot;https:\\\/\\\/www.garciafaura.com\\\/wp-content\\\/uploads\\\/2019\\\/04\\\/HiltonCorferias3.jpg&quot;,&quot;title&quot;:&quot;Trabajos en el nuevo Hotel Hilton de Bogot\\u00e1, Colombia&quot;},{&quot;src&quot;:&quot;https:\\\/\\\/www.garciafaura.com\\\/wp-content\\\/uploads\\\/2019\\\/04\\\/HiltonCorferias2.jpg&quot;,&quot;title&quot;:&quot;Trabajos en el nuevo Hotel Hilton de Bogot\\u00e1, Colombia&quot;},{&quot;src&quot;:&quot;https:\\\/\\\/www.garciafaura.com\\\/wp-content\\\/uploads\\\/2019\\\/04\\\/HiltonCorferias1.jpg&quot;,&quot;title&quot;:&quot;Trabajos en el nuevo Hotel Hilton de Bogot\\u00e1, Colombia&quot;}]\"><img loading=\"lazy\" decoding=\"async\" data-no-lazy=\"1\" class=\"portfolio-entry-img skip-lazy\" src=\"https:\/\/www.garciafaura.com\/wp-content\/uploads\/2019\/04\/HiltonCorferias3-600x314.jpg\" alt=\"Trabajos En El Nuevo Hotel Hilton De Bogot\u00e1, Colombia\" data-no-retina width=\"600\" height=\"314\" \/><\/a><\/div><div class=\"portfolio-entry-details entry-details wpex-clr\"><div class=\"match-height-content\"><h2 class=\"portfolio-entry-title entry-title\"><a href=\"https:\/\/www.garciafaura.com\/es\/portfolio-item\/hotel-hilton-corferias\/\" title=\"Hotel Hilton Corferias\">Hotel Hilton Corferias<\/a><\/h2><div class=\"portfolio-entry-categories entry-categories wpex-clr\"><a href=\"https:\/\/www.garciafaura.com\/es\/portfolio-category\/fachadas\/\" class=\"term-51\">Fachadas<\/a><\/div><\/div><\/div><\/div><\/div><div class=\"portfolio-entry vcex-grid-item entry-has-details span_1_of_3 col col-2 vcex-isotope-entry vcex-no-margin-entry post-19753 entry type-portfolio has-media cat-45 cat-48 cat-51 translation_priority-6\"><div class=\"portfolio-entry-inner entry-inner wpex-clr\"><div class=\"portfolio-entry-media entry-media wpex-clr\"><a href=\"https:\/\/www.garciafaura.com\/wp-content\/uploads\/2019\/04\/Oficines-Sancho-de-A\u0301vila-65-03.jpg\" title=\"Oficinas Sancho de \u00c1vila 65\" class=\"portfolio-entry-media-link wpex-lightbox-gallery\" data-gallery=\"[{&quot;src&quot;:&quot;https:\\\/\\\/www.garciafaura.com\\\/wp-content\\\/uploads\\\/2019\\\/04\\\/Oficines-Sancho-de-A\\u0301vila-65-03.jpg&quot;},{&quot;src&quot;:&quot;https:\\\/\\\/www.garciafaura.com\\\/wp-content\\\/uploads\\\/2019\\\/04\\\/Oficines-Sancho-de-A\\u0301vila-65-01.jpg&quot;},{&quot;src&quot;:&quot;https:\\\/\\\/www.garciafaura.com\\\/wp-content\\\/uploads\\\/2019\\\/04\\\/Oficines-Sancho-de-A\\u0301vila-65-11.jpg&quot;},{&quot;src&quot;:&quot;https:\\\/\\\/www.garciafaura.com\\\/wp-content\\\/uploads\\\/2019\\\/04\\\/Oficines-Sancho-de-A\\u0301vila-65-10.jpg&quot;},{&quot;src&quot;:&quot;https:\\\/\\\/www.garciafaura.com\\\/wp-content\\\/uploads\\\/2019\\\/04\\\/Oficines-Sancho-de-A\\u0301vila-65-09.jpg&quot;},{&quot;src&quot;:&quot;https:\\\/\\\/www.garciafaura.com\\\/wp-content\\\/uploads\\\/2019\\\/04\\\/Oficines-Sancho-de-A\\u0301vila-65-08.jpg&quot;},{&quot;src&quot;:&quot;https:\\\/\\\/www.garciafaura.com\\\/wp-content\\\/uploads\\\/2019\\\/04\\\/Oficines-Sancho-de-A\\u0301vila-65-07.jpg&quot;},{&quot;src&quot;:&quot;https:\\\/\\\/www.garciafaura.com\\\/wp-content\\\/uploads\\\/2019\\\/04\\\/Oficines-Sancho-de-A\\u0301vila-65-06.jpg&quot;},{&quot;src&quot;:&quot;https:\\\/\\\/www.garciafaura.com\\\/wp-content\\\/uploads\\\/2019\\\/04\\\/Oficines-Sancho-de-A\\u0301vila-65-05.jpg&quot;},{&quot;src&quot;:&quot;https:\\\/\\\/www.garciafaura.com\\\/wp-content\\\/uploads\\\/2019\\\/04\\\/Oficines-Sancho-de-A\\u0301vila-65-04.jpg&quot;},{&quot;src&quot;:&quot;https:\\\/\\\/www.garciafaura.com\\\/wp-content\\\/uploads\\\/2019\\\/04\\\/Oficines-Sancho-de-A\\u0301vila-65-02.jpg&quot;}]\"><img loading=\"lazy\" decoding=\"async\" data-no-lazy=\"1\" class=\"portfolio-entry-img skip-lazy\" src=\"https:\/\/www.garciafaura.com\/wp-content\/uploads\/2019\/04\/Oficines-Sancho-de-A\u0301vila-65-03-600x314.jpg\" alt='' data-no-retina width=\"600\" height=\"314\" \/><\/a><\/div><div class=\"portfolio-entry-details entry-details wpex-clr\"><div class=\"match-height-content\"><h2 class=\"portfolio-entry-title entry-title\"><a href=\"https:\/\/www.garciafaura.com\/es\/portfolio-item\/oficinas-sancho-de-avila-65\/\" title=\"Oficinas Sancho de \u00c1vila 65\">Oficinas Sancho de \u00c1vila 65<\/a><\/h2><div class=\"portfolio-entry-categories entry-categories wpex-clr\"><a href=\"https:\/\/www.garciafaura.com\/es\/portfolio-category\/edificios-corporativos\/\" class=\"term-45\">Edificios Corporativos<\/a><\/div><\/div><\/div><\/div><\/div><div class=\"portfolio-entry vcex-grid-item entry-has-details span_1_of_3 col col-3 vcex-isotope-entry vcex-no-margin-entry post-19355 entry type-portfolio has-media cat-45 cat-48 cat-51 cat-52 cat-55 cat-56 cat-58 cat-59 translation_priority-6\"><div class=\"portfolio-entry-inner entry-inner wpex-clr\"><div class=\"portfolio-entry-media entry-media wpex-clr\"><a href=\"https:\/\/www.garciafaura.com\/wp-content\/uploads\/2019\/04\/02-Oficines-Boulevard-Grenelle-FotoSimonGarcia_arqfoto.jpg\" title=\"Bulevar Grenelle\" class=\"portfolio-entry-media-link wpex-lightbox-gallery\" data-gallery=\"[{&quot;src&quot;:&quot;https:\\\/\\\/www.garciafaura.com\\\/wp-content\\\/uploads\\\/2019\\\/04\\\/02-Oficines-Boulevard-Grenelle-FotoSimonGarcia_arqfoto.jpg&quot;,&quot;caption&quot;:&quot;\\u00a9 Simon Garcia | arqfoto.com&quot;},{&quot;src&quot;:&quot;https:\\\/\\\/www.garciafaura.com\\\/wp-content\\\/uploads\\\/2019\\\/04\\\/10-Oficines-Boulevard-Grenelle-FotoSimonGarcia_arqfoto.jpg&quot;,&quot;caption&quot;:&quot;\\u00a9 Simon Garcia | arqfoto.com&quot;},{&quot;src&quot;:&quot;https:\\\/\\\/www.garciafaura.com\\\/wp-content\\\/uploads\\\/2019\\\/04\\\/01-Oficines-Boulevard-Grenelle-FotoSimonGarcia_arqfoto.jpg&quot;,&quot;caption&quot;:&quot;\\u00a9 Simon Garcia | arqfoto.com&quot;},{&quot;src&quot;:&quot;https:\\\/\\\/www.garciafaura.com\\\/wp-content\\\/uploads\\\/2019\\\/04\\\/09-Oficines-Boulevard-Grenelle-FotoSimonGarcia_arqfoto.jpg&quot;,&quot;caption&quot;:&quot;\\u00a9 Simon Garcia | arqfoto.com&quot;},{&quot;src&quot;:&quot;https:\\\/\\\/www.garciafaura.com\\\/wp-content\\\/uploads\\\/2019\\\/04\\\/08-Oficines-Boulevard-Grenelle-FotoSimonGarcia_arqfoto.jpg&quot;,&quot;caption&quot;:&quot;\\u00a9 Simon Garcia | arqfoto.com&quot;},{&quot;src&quot;:&quot;https:\\\/\\\/www.garciafaura.com\\\/wp-content\\\/uploads\\\/2019\\\/04\\\/07-Oficines-Boulevard-Grenelle-FotoSimonGarcia_arqfoto.jpg&quot;,&quot;caption&quot;:&quot;\\u00a9 Simon Garcia | arqfoto.com&quot;},{&quot;src&quot;:&quot;https:\\\/\\\/www.garciafaura.com\\\/wp-content\\\/uploads\\\/2019\\\/04\\\/06-Oficines-Boulevard-Grenelle-FotoSimonGarcia_arqfoto.jpg&quot;,&quot;caption&quot;:&quot;\\u00a9 Simon Garcia | arqfoto.com&quot;},{&quot;src&quot;:&quot;https:\\\/\\\/www.garciafaura.com\\\/wp-content\\\/uploads\\\/2019\\\/04\\\/05-Oficines-Boulevard-Grenelle-FotoSimonGarcia_arqfoto.jpg&quot;,&quot;caption&quot;:&quot;\\u00a9 Simon Garcia | arqfoto.com&quot;},{&quot;src&quot;:&quot;https:\\\/\\\/www.garciafaura.com\\\/wp-content\\\/uploads\\\/2019\\\/04\\\/04-Oficines-Boulevard-Grenelle-FotoSimonGarcia_arqfoto.jpg&quot;,&quot;caption&quot;:&quot;\\u00a9 Simon Garcia | arqfoto.com&quot;},{&quot;src&quot;:&quot;https:\\\/\\\/www.garciafaura.com\\\/wp-content\\\/uploads\\\/2019\\\/04\\\/03-Oficines-Boulevard-Grenelle-FotoSimonGarcia_arqfoto.jpg&quot;,&quot;caption&quot;:&quot;\\u00a9 Simon Garcia | arqfoto.com&quot;}]\"><img loading=\"lazy\" decoding=\"async\" data-no-lazy=\"1\" class=\"portfolio-entry-img skip-lazy\" src=\"https:\/\/www.garciafaura.com\/wp-content\/uploads\/2019\/04\/02-Oficines-Boulevard-Grenelle-FotoSimonGarcia_arqfoto-600x314.jpg\" alt='' data-no-retina width=\"600\" height=\"314\" \/><\/a><\/div><div class=\"portfolio-entry-details entry-details wpex-clr\"><div class=\"match-height-content\"><h2 class=\"portfolio-entry-title entry-title\"><a href=\"https:\/\/www.garciafaura.com\/es\/portfolio-item\/bulevar-grenelle\/\" title=\"Bulevar Grenelle\">Bulevar Grenelle<\/a><\/h2><div class=\"portfolio-entry-categories entry-categories wpex-clr\"><a href=\"https:\/\/www.garciafaura.com\/es\/portfolio-category\/internacional-destacado\/\" class=\"term-56\">Internacional Destacado<\/a><\/div><\/div><\/div><\/div><\/div><div class=\"portfolio-entry vcex-grid-item entry-has-details span_1_of_3 col col-1 vcex-isotope-entry vcex-no-margin-entry post-19342 entry type-portfolio has-media cat-51 cat-53 cat-118 cat-119 cat-58 cat-59 translation_priority-6\"><div class=\"portfolio-entry-inner entry-inner wpex-clr\"><div class=\"portfolio-entry-media entry-media wpex-clr\"><a href=\"https:\/\/www.garciafaura.com\/wp-content\/uploads\/2019\/04\/MTP02599.jpg\" title=\"Rehabilitaci\u00f3n Hotel Nobu Torre Catalunya\" class=\"portfolio-entry-media-link wpex-lightbox-gallery\" data-gallery=\"[{&quot;src&quot;:&quot;https:\\\/\\\/www.garciafaura.com\\\/wp-content\\\/uploads\\\/2019\\\/04\\\/MTP02599.jpg&quot;,&quot;title&quot;:&quot;Nobu Barcelona Garcia Faura&quot;},{&quot;src&quot;:&quot;https:\\\/\\\/www.garciafaura.com\\\/wp-content\\\/uploads\\\/2019\\\/04\\\/MTP02650.jpg&quot;,&quot;title&quot;:&quot;Nobu Barcelona Garcia Faura&quot;},{&quot;src&quot;:&quot;https:\\\/\\\/www.garciafaura.com\\\/wp-content\\\/uploads\\\/2019\\\/04\\\/MTP02645.jpg&quot;,&quot;title&quot;:&quot;Nobu Barcelona Garcia Faura&quot;},{&quot;src&quot;:&quot;https:\\\/\\\/www.garciafaura.com\\\/wp-content\\\/uploads\\\/2019\\\/04\\\/MTP02644.jpg&quot;,&quot;title&quot;:&quot;Nobu Barcelona Garcia Faura&quot;},{&quot;src&quot;:&quot;https:\\\/\\\/www.garciafaura.com\\\/wp-content\\\/uploads\\\/2019\\\/04\\\/MTP02641.jpg&quot;,&quot;title&quot;:&quot;Nobu Barcelona Garcia Faura&quot;},{&quot;src&quot;:&quot;https:\\\/\\\/www.garciafaura.com\\\/wp-content\\\/uploads\\\/2019\\\/04\\\/MTP02636.jpg&quot;,&quot;title&quot;:&quot;Nobu Barcelona Garcia Faura&quot;},{&quot;src&quot;:&quot;https:\\\/\\\/www.garciafaura.com\\\/wp-content\\\/uploads\\\/2019\\\/04\\\/MTP02634.jpg&quot;,&quot;title&quot;:&quot;Nobu Barcelona Garcia Faura&quot;},{&quot;src&quot;:&quot;https:\\\/\\\/www.garciafaura.com\\\/wp-content\\\/uploads\\\/2019\\\/04\\\/MTP02628.jpg&quot;,&quot;title&quot;:&quot;Nobu Barcelona Garcia Faura&quot;},{&quot;src&quot;:&quot;https:\\\/\\\/www.garciafaura.com\\\/wp-content\\\/uploads\\\/2019\\\/04\\\/MTP02615.jpg&quot;,&quot;title&quot;:&quot;Nobu Barcelona Garcia Faura&quot;},{&quot;src&quot;:&quot;https:\\\/\\\/www.garciafaura.com\\\/wp-content\\\/uploads\\\/2019\\\/04\\\/MTP02612.jpg&quot;,&quot;title&quot;:&quot;Nobu Barcelona Garcia Faura&quot;},{&quot;src&quot;:&quot;https:\\\/\\\/www.garciafaura.com\\\/wp-content\\\/uploads\\\/2019\\\/04\\\/MTP02602.jpg&quot;,&quot;title&quot;:&quot;Nobu Barcelona Garcia Faura&quot;},{&quot;src&quot;:&quot;https:\\\/\\\/www.garciafaura.com\\\/wp-content\\\/uploads\\\/2019\\\/04\\\/MTP02598.jpg&quot;,&quot;title&quot;:&quot;Nobu Barcelona Garcia Faura&quot;},{&quot;src&quot;:&quot;https:\\\/\\\/www.garciafaura.com\\\/wp-content\\\/uploads\\\/2019\\\/04\\\/MTP02593.jpg&quot;,&quot;title&quot;:&quot;Nobu Barcelona Garcia Faura&quot;},{&quot;src&quot;:&quot;https:\\\/\\\/www.garciafaura.com\\\/wp-content\\\/uploads\\\/2019\\\/04\\\/MTP02589.jpg&quot;,&quot;title&quot;:&quot;Nobu Barcelona Garcia Faura&quot;},{&quot;src&quot;:&quot;https:\\\/\\\/www.garciafaura.com\\\/wp-content\\\/uploads\\\/2019\\\/04\\\/MTP02587.jpg&quot;,&quot;title&quot;:&quot;Nobu Barcelona Garcia Faura&quot;},{&quot;src&quot;:&quot;https:\\\/\\\/www.garciafaura.com\\\/wp-content\\\/uploads\\\/2019\\\/04\\\/MTP02526.jpg&quot;,&quot;title&quot;:&quot;Nobu Barcelona Garcia Faura&quot;},{&quot;src&quot;:&quot;https:\\\/\\\/www.garciafaura.com\\\/wp-content\\\/uploads\\\/2019\\\/04\\\/IMG_6290.jpg&quot;,&quot;title&quot;:&quot;Nobu Barcelona Garcia Faura&quot;},{&quot;src&quot;:&quot;https:\\\/\\\/www.garciafaura.com\\\/wp-content\\\/uploads\\\/2019\\\/04\\\/IMG_6286.jpg&quot;,&quot;title&quot;:&quot;Nobu Barcelona Garcia Faura&quot;},{&quot;src&quot;:&quot;https:\\\/\\\/www.garciafaura.com\\\/wp-content\\\/uploads\\\/2019\\\/04\\\/IMG_6283.jpg&quot;,&quot;title&quot;:&quot;Nobu Barcelona Garcia Faura&quot;},{&quot;src&quot;:&quot;https:\\\/\\\/www.garciafaura.com\\\/wp-content\\\/uploads\\\/2019\\\/04\\\/IMG_6282.jpg&quot;,&quot;title&quot;:&quot;Nobu Barcelona Garcia Faura&quot;}]\"><img loading=\"lazy\" decoding=\"async\" data-no-lazy=\"1\" class=\"portfolio-entry-img skip-lazy\" src=\"https:\/\/www.garciafaura.com\/wp-content\/uploads\/2019\/04\/MTP02599-600x314.jpg\" alt=\"Nobu Barcelona Garcia Faura\" data-no-retina width=\"600\" height=\"314\" \/><\/a><\/div><div class=\"portfolio-entry-details entry-details wpex-clr\"><div class=\"match-height-content\"><h2 class=\"portfolio-entry-title entry-title\"><a href=\"https:\/\/www.garciafaura.com\/es\/portfolio-item\/renovacion-gran-hotel-torre-catalunya\/\" title=\"Rehabilitaci\u00f3n Hotel Nobu Torre Catalunya\">Rehabilitaci\u00f3n Hotel Nobu Torre Catalunya<\/a><\/h2><div class=\"portfolio-entry-categories entry-categories wpex-clr\"><a href=\"https:\/\/www.garciafaura.com\/es\/portfolio-category\/rehabilitacion\/\" class=\"term-58\">Rehabilitaci\u00f3n<\/a><\/div><\/div><\/div><\/div><\/div><div class=\"portfolio-entry vcex-grid-item entry-has-details span_1_of_3 col col-2 vcex-isotope-entry vcex-no-margin-entry post-19314 entry type-portfolio has-media cat-49 cat-50 cat-51 cat-52 cat-55 cat-56 cat-58 cat-59 translation_priority-6\"><div class=\"portfolio-entry-inner entry-inner wpex-clr\"><div class=\"portfolio-entry-media entry-media wpex-clr\"><a href=\"https:\/\/www.garciafaura.com\/wp-content\/uploads\/2022\/06\/Morland01.jpg\" title=\"Proyecto Morland\" class=\"portfolio-entry-media-link wpex-lightbox-gallery\" data-gallery=\"[{&quot;src&quot;:&quot;https:\\\/\\\/www.garciafaura.com\\\/wp-content\\\/uploads\\\/2022\\\/06\\\/Morland01.jpg&quot;},{&quot;src&quot;:&quot;https:\\\/\\\/www.garciafaura.com\\\/wp-content\\\/uploads\\\/2022\\\/06\\\/Morland02.jpg&quot;},{&quot;src&quot;:&quot;https:\\\/\\\/www.garciafaura.com\\\/wp-content\\\/uploads\\\/2022\\\/06\\\/Morland03.jpg&quot;},{&quot;src&quot;:&quot;https:\\\/\\\/www.garciafaura.com\\\/wp-content\\\/uploads\\\/2022\\\/06\\\/Morland04.jpg&quot;},{&quot;src&quot;:&quot;https:\\\/\\\/www.garciafaura.com\\\/wp-content\\\/uploads\\\/2022\\\/06\\\/Morland05.jpg&quot;},{&quot;src&quot;:&quot;https:\\\/\\\/www.garciafaura.com\\\/wp-content\\\/uploads\\\/2022\\\/06\\\/Morland06.jpg&quot;},{&quot;src&quot;:&quot;https:\\\/\\\/www.garciafaura.com\\\/wp-content\\\/uploads\\\/2022\\\/06\\\/Morland07.jpg&quot;},{&quot;src&quot;:&quot;https:\\\/\\\/www.garciafaura.com\\\/wp-content\\\/uploads\\\/2022\\\/06\\\/Morland09.jpg&quot;},{&quot;src&quot;:&quot;https:\\\/\\\/www.garciafaura.com\\\/wp-content\\\/uploads\\\/2022\\\/06\\\/Morland08.jpg&quot;},{&quot;src&quot;:&quot;https:\\\/\\\/www.garciafaura.com\\\/wp-content\\\/uploads\\\/2022\\\/06\\\/Morland24.jpg&quot;},{&quot;src&quot;:&quot;https:\\\/\\\/www.garciafaura.com\\\/wp-content\\\/uploads\\\/2022\\\/06\\\/Morland23.jpg&quot;},{&quot;src&quot;:&quot;https:\\\/\\\/www.garciafaura.com\\\/wp-content\\\/uploads\\\/2022\\\/06\\\/Morland22.jpg&quot;},{&quot;src&quot;:&quot;https:\\\/\\\/www.garciafaura.com\\\/wp-content\\\/uploads\\\/2022\\\/06\\\/Morland21.jpg&quot;},{&quot;src&quot;:&quot;https:\\\/\\\/www.garciafaura.com\\\/wp-content\\\/uploads\\\/2022\\\/06\\\/Morland20.jpg&quot;},{&quot;src&quot;:&quot;https:\\\/\\\/www.garciafaura.com\\\/wp-content\\\/uploads\\\/2022\\\/06\\\/Morland19.jpg&quot;},{&quot;src&quot;:&quot;https:\\\/\\\/www.garciafaura.com\\\/wp-content\\\/uploads\\\/2022\\\/06\\\/Morland18.jpg&quot;},{&quot;src&quot;:&quot;https:\\\/\\\/www.garciafaura.com\\\/wp-content\\\/uploads\\\/2022\\\/06\\\/Morland17.jpg&quot;},{&quot;src&quot;:&quot;https:\\\/\\\/www.garciafaura.com\\\/wp-content\\\/uploads\\\/2022\\\/06\\\/Morland16.jpg&quot;},{&quot;src&quot;:&quot;https:\\\/\\\/www.garciafaura.com\\\/wp-content\\\/uploads\\\/2022\\\/06\\\/Morland15.jpg&quot;},{&quot;src&quot;:&quot;https:\\\/\\\/www.garciafaura.com\\\/wp-content\\\/uploads\\\/2022\\\/06\\\/Morland14.jpg&quot;},{&quot;src&quot;:&quot;https:\\\/\\\/www.garciafaura.com\\\/wp-content\\\/uploads\\\/2022\\\/06\\\/Morland13.jpg&quot;},{&quot;src&quot;:&quot;https:\\\/\\\/www.garciafaura.com\\\/wp-content\\\/uploads\\\/2022\\\/06\\\/Morland12.jpg&quot;},{&quot;src&quot;:&quot;https:\\\/\\\/www.garciafaura.com\\\/wp-content\\\/uploads\\\/2022\\\/06\\\/Morland11.jpg&quot;},{&quot;src&quot;:&quot;https:\\\/\\\/www.garciafaura.com\\\/wp-content\\\/uploads\\\/2022\\\/06\\\/Morland10.jpg&quot;}]\"><img loading=\"lazy\" decoding=\"async\" data-no-lazy=\"1\" class=\"portfolio-entry-img skip-lazy\" src=\"https:\/\/www.garciafaura.com\/wp-content\/uploads\/2022\/06\/Morland01-600x314.jpg\" alt='' data-no-retina width=\"600\" height=\"314\" \/><\/a><\/div><div class=\"portfolio-entry-details entry-details wpex-clr\"><div class=\"match-height-content\"><h2 class=\"portfolio-entry-title entry-title\"><a href=\"https:\/\/www.garciafaura.com\/es\/portfolio-item\/proyecto-morland\/\" title=\"Proyecto Morland\">Proyecto Morland<\/a><\/h2><div class=\"portfolio-entry-categories entry-categories wpex-clr\"><a href=\"https:\/\/www.garciafaura.com\/es\/portfolio-category\/fachadas-destacado\/\" class=\"term-52\">Fachadas Destacado<\/a><\/div><\/div><\/div><\/div><\/div><div class=\"portfolio-entry vcex-grid-item entry-has-details span_1_of_3 col col-3 vcex-isotope-entry vcex-no-margin-entry post-19257 entry type-portfolio has-media cat-51 cat-52 cat-55 cat-56 translation_priority-6\"><div class=\"portfolio-entry-inner entry-inner wpex-clr\"><div class=\"portfolio-entry-media entry-media wpex-clr\"><a href=\"https:\/\/www.garciafaura.com\/wp-content\/uploads\/2019\/04\/23-BoulevardMalesherbes_FotoSimonGarcia_arqfoto.jpg\" title=\"Rehabilitaci\u00f3n Malesherbes\" class=\"portfolio-entry-media-link wpex-lightbox-gallery\" data-gallery=\"[{&quot;src&quot;:&quot;https:\\\/\\\/www.garciafaura.com\\\/wp-content\\\/uploads\\\/2019\\\/04\\\/23-BoulevardMalesherbes_FotoSimonGarcia_arqfoto.jpg&quot;,&quot;caption&quot;:&quot;\\u00a9 Simon Garcia|arqfoto.com&quot;},{&quot;src&quot;:&quot;https:\\\/\\\/www.garciafaura.com\\\/wp-content\\\/uploads\\\/2019\\\/04\\\/01-BoulevardMalesherbes_FotoSimonGarcia_arqfoto.jpg&quot;,&quot;caption&quot;:&quot;\\u00a9 Simon Garcia|arqfoto.com&quot;},{&quot;src&quot;:&quot;https:\\\/\\\/www.garciafaura.com\\\/wp-content\\\/uploads\\\/2019\\\/04\\\/22-BoulevardMalesherbes_FotoSimonGarcia_arqfoto.jpg&quot;,&quot;caption&quot;:&quot;\\u00a9 Simon Garcia|arqfoto.com&quot;},{&quot;src&quot;:&quot;https:\\\/\\\/www.garciafaura.com\\\/wp-content\\\/uploads\\\/2019\\\/04\\\/21-BoulevardMalesherbes_FotoSimonGarcia_arqfoto.jpg&quot;,&quot;caption&quot;:&quot;\\u00a9 Simon Garcia|arqfoto.com&quot;},{&quot;src&quot;:&quot;https:\\\/\\\/www.garciafaura.com\\\/wp-content\\\/uploads\\\/2019\\\/04\\\/20-BoulevardMalesherbes_FotoSimonGarcia_arqfoto.jpg&quot;,&quot;caption&quot;:&quot;\\u00a9 Simon Garcia|arqfoto.com&quot;},{&quot;src&quot;:&quot;https:\\\/\\\/www.garciafaura.com\\\/wp-content\\\/uploads\\\/2019\\\/04\\\/19-BoulevardMalesherbes_FotoSimonGarcia_arqfoto.jpg&quot;,&quot;caption&quot;:&quot;\\u00a9 Simon Garcia|arqfoto.com&quot;},{&quot;src&quot;:&quot;https:\\\/\\\/www.garciafaura.com\\\/wp-content\\\/uploads\\\/2019\\\/04\\\/18-BoulevardMalesherbes_FotoSimonGarcia_arqfoto.jpg&quot;,&quot;caption&quot;:&quot;\\u00a9 Simon Garcia|arqfoto.com&quot;},{&quot;src&quot;:&quot;https:\\\/\\\/www.garciafaura.com\\\/wp-content\\\/uploads\\\/2019\\\/04\\\/17-BoulevardMalesherbes_FotoSimonGarcia_arqfoto.jpg&quot;,&quot;caption&quot;:&quot;\\u00a9 Simon Garcia|arqfoto.com&quot;},{&quot;src&quot;:&quot;https:\\\/\\\/www.garciafaura.com\\\/wp-content\\\/uploads\\\/2019\\\/04\\\/16-BoulevardMalesherbes_FotoSimonGarcia_arqfoto.jpg&quot;,&quot;caption&quot;:&quot;\\u00a9 Simon Garcia|arqfoto.com&quot;},{&quot;src&quot;:&quot;https:\\\/\\\/www.garciafaura.com\\\/wp-content\\\/uploads\\\/2019\\\/04\\\/15-BoulevardMalesherbes_FotoSimonGarcia_arqfoto.jpg&quot;,&quot;caption&quot;:&quot;\\u00a9 Simon Garcia|arqfoto.com&quot;},{&quot;src&quot;:&quot;https:\\\/\\\/www.garciafaura.com\\\/wp-content\\\/uploads\\\/2019\\\/04\\\/14-BoulevardMalesherbes_FotoSimonGarcia_arqfoto.jpg&quot;,&quot;caption&quot;:&quot;\\u00a9 Simon Garcia|arqfoto.com&quot;},{&quot;src&quot;:&quot;https:\\\/\\\/www.garciafaura.com\\\/wp-content\\\/uploads\\\/2019\\\/04\\\/13-BoulevardMalesherbes_FotoSimonGarcia_arqfoto.jpg&quot;,&quot;caption&quot;:&quot;\\u00a9 Simon Garcia|arqfoto.com&quot;},{&quot;src&quot;:&quot;https:\\\/\\\/www.garciafaura.com\\\/wp-content\\\/uploads\\\/2019\\\/04\\\/12-BoulevardMalesherbes_FotoSimonGarcia_arqfoto.jpg&quot;,&quot;caption&quot;:&quot;\\u00a9 Simon Garcia|arqfoto.com&quot;},{&quot;src&quot;:&quot;https:\\\/\\\/www.garciafaura.com\\\/wp-content\\\/uploads\\\/2019\\\/04\\\/11-BoulevardMalesherbes_FotoSimonGarcia_arqfoto.jpg&quot;,&quot;caption&quot;:&quot;\\u00a9 Simon Garcia|arqfoto.com&quot;},{&quot;src&quot;:&quot;https:\\\/\\\/www.garciafaura.com\\\/wp-content\\\/uploads\\\/2019\\\/04\\\/10-BoulevardMalesherbes_FotoSimonGarcia_arqfoto.jpg&quot;,&quot;caption&quot;:&quot;\\u00a9 Simon Garcia|arqfoto.com&quot;},{&quot;src&quot;:&quot;https:\\\/\\\/www.garciafaura.com\\\/wp-content\\\/uploads\\\/2019\\\/04\\\/09-BoulevardMalesherbes_FotoSimonGarcia_arqfoto.jpg&quot;,&quot;caption&quot;:&quot;\\u00a9 Simon Garcia|arqfoto.com&quot;},{&quot;src&quot;:&quot;https:\\\/\\\/www.garciafaura.com\\\/wp-content\\\/uploads\\\/2019\\\/04\\\/08-BoulevardMalesherbes_FotoSimonGarcia_arqfoto.jpg&quot;,&quot;caption&quot;:&quot;\\u00a9 Simon Garcia|arqfoto.com&quot;},{&quot;src&quot;:&quot;https:\\\/\\\/www.garciafaura.com\\\/wp-content\\\/uploads\\\/2019\\\/04\\\/07-BoulevardMalesherbes_FotoSimonGarcia_arqfoto.jpg&quot;,&quot;caption&quot;:&quot;\\u00a9 Simon Garcia|arqfoto.com&quot;},{&quot;src&quot;:&quot;https:\\\/\\\/www.garciafaura.com\\\/wp-content\\\/uploads\\\/2019\\\/04\\\/06-BoulevardMalesherbes_FotoSimonGarcia_arqfoto.jpg&quot;,&quot;caption&quot;:&quot;\\u00a9 Simon Garcia|arqfoto.com&quot;},{&quot;src&quot;:&quot;https:\\\/\\\/www.garciafaura.com\\\/wp-content\\\/uploads\\\/2019\\\/04\\\/05-BoulevardMalesherbes_FotoSimonGarcia_arqfoto.jpg&quot;,&quot;caption&quot;:&quot;\\u00a9 Simon Garcia|arqfoto.com&quot;},{&quot;src&quot;:&quot;https:\\\/\\\/www.garciafaura.com\\\/wp-content\\\/uploads\\\/2019\\\/04\\\/04-BoulevardMalesherbes_FotoSimonGarcia_arqfoto.jpg&quot;,&quot;caption&quot;:&quot;\\u00a9 Simon Garcia|arqfoto.com&quot;},{&quot;src&quot;:&quot;https:\\\/\\\/www.garciafaura.com\\\/wp-content\\\/uploads\\\/2019\\\/04\\\/03-BoulevardMalesherbes_FotoSimonGarcia_arqfoto.jpg&quot;,&quot;caption&quot;:&quot;\\u00a9 Simon Garcia|arqfoto.com&quot;},{&quot;src&quot;:&quot;https:\\\/\\\/www.garciafaura.com\\\/wp-content\\\/uploads\\\/2019\\\/04\\\/02-BoulevardMalesherbes_FotoSimonGarcia_arqfoto.jpg&quot;,&quot;caption&quot;:&quot;\\u00a9 Simon Garcia|arqfoto.com&quot;}]\"><img loading=\"lazy\" decoding=\"async\" data-no-lazy=\"1\" class=\"portfolio-entry-img skip-lazy\" src=\"https:\/\/www.garciafaura.com\/wp-content\/uploads\/2019\/04\/23-BoulevardMalesherbes_FotoSimonGarcia_arqfoto-600x314.jpg\" alt='' data-no-retina width=\"600\" height=\"314\" \/><\/a><\/div><div class=\"portfolio-entry-details entry-details wpex-clr\"><div class=\"match-height-content\"><h2 class=\"portfolio-entry-title entry-title\"><a href=\"https:\/\/www.garciafaura.com\/es\/portfolio-item\/rehabilitacion-malesherbes\/\" title=\"Rehabilitaci\u00f3n Malesherbes\">Rehabilitaci\u00f3n Malesherbes<\/a><\/h2><div class=\"portfolio-entry-categories entry-categories wpex-clr\"><a href=\"https:\/\/www.garciafaura.com\/es\/portfolio-category\/internacional-es\/\" class=\"term-55\">Internacional<\/a><\/div><\/div><\/div><\/div><\/div><div class=\"portfolio-entry vcex-grid-item entry-has-details span_1_of_3 col col-1 vcex-isotope-entry vcex-no-margin-entry post-18483 entry type-portfolio has-media cat-51 cat-53 cat-54 translation_priority-6\"><div class=\"portfolio-entry-inner entry-inner wpex-clr\"><div class=\"portfolio-entry-media entry-media wpex-clr\"><a href=\"https:\/\/www.garciafaura.com\/wp-content\/uploads\/2019\/01\/IMG_9107.jpg\" title=\"EasyHotel l&#8217;Hospitalet de Llobregat\" class=\"portfolio-entry-media-link wpex-lightbox-gallery\" data-gallery=\"[{&quot;src&quot;:&quot;https:\\\/\\\/www.garciafaura.com\\\/wp-content\\\/uploads\\\/2019\\\/01\\\/IMG_9092.jpg&quot;,&quot;title&quot;:&quot;Trabajos de fachada y cerramientos del primer EasyHotel de Espa\\u00f1a&quot;,&quot;caption&quot;:&quot;Treballs de fa\\u00e7ana i tancaments del primer EasyHotel a l&#039;Estat espanyol.&quot;},{&quot;src&quot;:&quot;https:\\\/\\\/www.garciafaura.com\\\/wp-content\\\/uploads\\\/2019\\\/01\\\/IMG_9114.jpg&quot;,&quot;title&quot;:&quot;Trabajos de fachada y cerramientos del primer EasyHotel de Espa\\u00f1a&quot;},{&quot;src&quot;:&quot;https:\\\/\\\/www.garciafaura.com\\\/wp-content\\\/uploads\\\/2019\\\/01\\\/IMG_9111.jpg&quot;,&quot;title&quot;:&quot;Trabajos de fachada y cerramientos del primer EasyHotel de Espa\\u00f1a&quot;},{&quot;src&quot;:&quot;https:\\\/\\\/www.garciafaura.com\\\/wp-content\\\/uploads\\\/2019\\\/01\\\/IMG_9109.jpg&quot;,&quot;title&quot;:&quot;Trabajos de fachada y cerramientos del primer EasyHotel de Espa\\u00f1a&quot;},{&quot;src&quot;:&quot;https:\\\/\\\/www.garciafaura.com\\\/wp-content\\\/uploads\\\/2019\\\/01\\\/IMG_9107.jpg&quot;,&quot;title&quot;:&quot;Trabajos de fachada y cerramientos del primer EasyHotel de Espa\\u00f1a&quot;},{&quot;src&quot;:&quot;https:\\\/\\\/www.garciafaura.com\\\/wp-content\\\/uploads\\\/2019\\\/01\\\/IMG_9102.jpg&quot;,&quot;title&quot;:&quot;Trabajos de fachada y cerramientos del primer EasyHotel de Espa\\u00f1a&quot;},{&quot;src&quot;:&quot;https:\\\/\\\/www.garciafaura.com\\\/wp-content\\\/uploads\\\/2019\\\/01\\\/IMG_9099.jpg&quot;,&quot;title&quot;:&quot;Trabajos de fachada y cerramientos del primer EasyHotel de Espa\\u00f1a&quot;},{&quot;src&quot;:&quot;https:\\\/\\\/www.garciafaura.com\\\/wp-content\\\/uploads\\\/2019\\\/01\\\/IMG_9097.jpg&quot;,&quot;title&quot;:&quot;Trabajos de fachada y cerramientos del primer EasyHotel de Espa\\u00f1a&quot;},{&quot;src&quot;:&quot;https:\\\/\\\/www.garciafaura.com\\\/wp-content\\\/uploads\\\/2019\\\/01\\\/IMG_9096.jpg&quot;,&quot;title&quot;:&quot;Trabajos de fachada y cerramientos del primer EasyHotel de Espa\\u00f1a&quot;},{&quot;src&quot;:&quot;https:\\\/\\\/www.garciafaura.com\\\/wp-content\\\/uploads\\\/2019\\\/01\\\/IMG_9095.jpg&quot;,&quot;title&quot;:&quot;Trabajos de fachada y cerramientos del primer EasyHotel de Espa\\u00f1a&quot;}]\"><img loading=\"lazy\" decoding=\"async\" data-no-lazy=\"1\" class=\"portfolio-entry-img skip-lazy\" src=\"https:\/\/www.garciafaura.com\/wp-content\/uploads\/2019\/01\/IMG_9107-600x314.jpg\" alt=\"Trabajos De Fachada Y Cerramientos Del Primer EasyHotel De Espa\u00f1a\" data-no-retina width=\"600\" height=\"314\" \/><\/a><\/div><div class=\"portfolio-entry-details entry-details wpex-clr\"><div class=\"match-height-content\"><h2 class=\"portfolio-entry-title entry-title\"><a href=\"https:\/\/www.garciafaura.com\/es\/portfolio-item\/easyhotel-lhospitalet-de-llobregat\/\" title=\"EasyHotel l&#8217;Hospitalet de Llobregat\">EasyHotel l&#8217;Hospitalet de Llobregat<\/a><\/h2><div class=\"portfolio-entry-categories entry-categories wpex-clr\"><a href=\"https:\/\/www.garciafaura.com\/es\/portfolio-category\/fachadas\/\" class=\"term-51\">Fachadas<\/a><\/div><\/div><\/div><\/div><\/div><div class=\"portfolio-entry vcex-grid-item entry-has-details span_1_of_3 col col-2 vcex-isotope-entry vcex-no-margin-entry post-18432 entry type-portfolio has-media cat-45 cat-51 translation_priority-6\"><div class=\"portfolio-entry-inner entry-inner wpex-clr\"><div class=\"portfolio-entry-media entry-media wpex-clr\"><a href=\"https:\/\/www.garciafaura.com\/wp-content\/uploads\/2018\/11\/Promocio\u0301-Inbisa-Esplugues-01.jpg\" title=\"Promoci\u00f3n Inbisa Esplugues\" class=\"portfolio-entry-media-link wpex-lightbox-gallery\" data-gallery=\"[{&quot;src&quot;:&quot;https:\\\/\\\/www.garciafaura.com\\\/wp-content\\\/uploads\\\/2018\\\/11\\\/Promocio\\u0301-Inbisa-Esplugues-01.jpg&quot;,&quot;title&quot;:&quot;Instalaci\\u00f3n de muro cortina y cerramientos de aluminio en conjunto de oficinas&quot;},{&quot;src&quot;:&quot;https:\\\/\\\/www.garciafaura.com\\\/wp-content\\\/uploads\\\/2018\\\/11\\\/Promocio\\u0301-Inbisa-Esplugues-08.jpg&quot;,&quot;title&quot;:&quot;Instalaci\\u00f3n de muro cortina y cerramientos de aluminio en conjunto de oficinas&quot;},{&quot;src&quot;:&quot;https:\\\/\\\/www.garciafaura.com\\\/wp-content\\\/uploads\\\/2018\\\/11\\\/Promocio\\u0301-Inbisa-Esplugues-07.jpg&quot;,&quot;title&quot;:&quot;Instalaci\\u00f3n de muro cortina y cerramientos de aluminio en conjunto de oficinas&quot;},{&quot;src&quot;:&quot;https:\\\/\\\/www.garciafaura.com\\\/wp-content\\\/uploads\\\/2018\\\/11\\\/Promocio\\u0301-Inbisa-Esplugues-06.jpg&quot;,&quot;title&quot;:&quot;Instalaci\\u00f3n de muro cortina y cerramientos de aluminio en conjunto de oficinas&quot;},{&quot;src&quot;:&quot;https:\\\/\\\/www.garciafaura.com\\\/wp-content\\\/uploads\\\/2018\\\/11\\\/Promocio\\u0301-Inbisa-Esplugues-05.jpg&quot;,&quot;title&quot;:&quot;Instalaci\\u00f3n de muro cortina y cerramientos de aluminio en conjunto de oficinas&quot;},{&quot;src&quot;:&quot;https:\\\/\\\/www.garciafaura.com\\\/wp-content\\\/uploads\\\/2018\\\/11\\\/Promocio\\u0301-Inbisa-Esplugues-04.jpg&quot;,&quot;title&quot;:&quot;Instalaci\\u00f3n de muro cortina y cerramientos de aluminio en conjunto de oficinas&quot;},{&quot;src&quot;:&quot;https:\\\/\\\/www.garciafaura.com\\\/wp-content\\\/uploads\\\/2018\\\/11\\\/Promocio\\u0301-Inbisa-Esplugues-03.jpg&quot;,&quot;title&quot;:&quot;Instalaci\\u00f3n de muro cortina y cerramientos de aluminio en conjunto de oficinas&quot;},{&quot;src&quot;:&quot;https:\\\/\\\/www.garciafaura.com\\\/wp-content\\\/uploads\\\/2018\\\/11\\\/Promocio\\u0301-Inbisa-Esplugues-02.jpg&quot;,&quot;title&quot;:&quot;Instalaci\\u00f3n de muro cortina y cerramientos de aluminio en conjunto de oficinas&quot;}]\"><img decoding=\"async\" data-no-lazy=\"1\" class=\"portfolio-entry-img skip-lazy\" src=\"https:\/\/www.garciafaura.com\/wp-content\/uploads\/2018\/11\/Promocio\u0301-Inbisa-Esplugues-01-x.jpg\" alt=\"Instalaci\u00f3n De Muro Cortina Y Cerramientos De Aluminio En Conjunto De Oficinas\" data-no-retina \/><\/a><\/div><div class=\"portfolio-entry-details entry-details wpex-clr\"><div class=\"match-height-content\"><h2 class=\"portfolio-entry-title entry-title\"><a href=\"https:\/\/www.garciafaura.com\/es\/portfolio-item\/promocion-inbisa-esplugues\/\" title=\"Promoci\u00f3n Inbisa Esplugues\">Promoci\u00f3n Inbisa Esplugues<\/a><\/h2><div class=\"portfolio-entry-categories entry-categories wpex-clr\"><a href=\"https:\/\/www.garciafaura.com\/es\/portfolio-category\/edificios-corporativos\/\" class=\"term-45\">Edificios Corporativos<\/a><\/div><\/div><\/div><\/div><\/div><div class=\"portfolio-entry vcex-grid-item entry-has-details span_1_of_3 col col-3 vcex-isotope-entry vcex-no-margin-entry post-18414 entry type-portfolio has-media cat-51 cat-53 translation_priority-6\"><div class=\"portfolio-entry-inner entry-inner wpex-clr\"><div class=\"portfolio-entry-media entry-media wpex-clr\"><a href=\"https:\/\/www.garciafaura.com\/wp-content\/uploads\/2018\/11\/Hotel-Mediterra\u0301neo-01.jpg\" title=\"Hotel Mediterr\u00e1neo\" class=\"portfolio-entry-media-link wpex-lightbox-gallery\" data-gallery=\"[{&quot;src&quot;:&quot;https:\\\/\\\/www.garciafaura.com\\\/wp-content\\\/uploads\\\/2018\\\/11\\\/Hotel-Mediterra\\u0301neo-01.jpg&quot;,&quot;title&quot;:&quot;Instalaci\\u00f3n de muro cortina en la rehabilitaci\\u00f3n de este hotel de Castelldefels&quot;}]\"><img decoding=\"async\" data-no-lazy=\"1\" class=\"portfolio-entry-img skip-lazy\" src=\"https:\/\/www.garciafaura.com\/wp-content\/uploads\/2018\/11\/Hotel-Mediterra\u0301neo-01-x.jpg\" alt=\"Instalaci\u00f3n De Muro Cortina En La Rehabilitaci\u00f3n De Este Hotel De Castelldefels\" data-no-retina \/><\/a><\/div><div class=\"portfolio-entry-details entry-details wpex-clr\"><div class=\"match-height-content\"><h2 class=\"portfolio-entry-title entry-title\"><a href=\"https:\/\/www.garciafaura.com\/es\/portfolio-item\/hotel-mediterraneo\/\" title=\"Hotel Mediterr\u00e1neo\">Hotel Mediterr\u00e1neo<\/a><\/h2><div class=\"portfolio-entry-categories entry-categories wpex-clr\"><a href=\"https:\/\/www.garciafaura.com\/es\/portfolio-category\/fachadas\/\" class=\"term-51\">Fachadas<\/a><\/div><\/div><\/div><\/div><\/div><div class=\"portfolio-entry vcex-grid-item entry-has-details span_1_of_3 col col-1 vcex-isotope-entry vcex-no-margin-entry post-18396 entry type-portfolio has-media cat-45 cat-51 cat-118 cat-119 translation_priority-6\"><div class=\"portfolio-entry-inner entry-inner wpex-clr\"><div class=\"portfolio-entry-media entry-media wpex-clr\"><a href=\"https:\/\/www.garciafaura.com\/wp-content\/uploads\/2018\/11\/Edifici-Plac\u0327a-Europa-02.jpg\" title=\"Oficinas Pla\u00e7a Europa\" class=\"portfolio-entry-media-link wpex-lightbox-gallery\" data-gallery=\"[{&quot;src&quot;:&quot;https:\\\/\\\/www.garciafaura.com\\\/wp-content\\\/uploads\\\/2018\\\/11\\\/Edifici-Plac\\u0327a-Europa-01.jpg&quot;,&quot;title&quot;:&quot;Muro cortina modular combinado con escamas de panel composite.&quot;},{&quot;src&quot;:&quot;https:\\\/\\\/www.garciafaura.com\\\/wp-content\\\/uploads\\\/2018\\\/11\\\/Edifici-Plac\\u0327a-Europa-08.jpg&quot;,&quot;title&quot;:&quot;Muro cortina modular combinado con escamas de panel composite.&quot;},{&quot;src&quot;:&quot;https:\\\/\\\/www.garciafaura.com\\\/wp-content\\\/uploads\\\/2018\\\/11\\\/Edifici-Plac\\u0327a-Europa-07.jpg&quot;,&quot;title&quot;:&quot;Muro cortina modular combinado con escamas de panel composite.&quot;},{&quot;src&quot;:&quot;https:\\\/\\\/www.garciafaura.com\\\/wp-content\\\/uploads\\\/2018\\\/11\\\/Edifici-Plac\\u0327a-Europa-06.jpg&quot;,&quot;title&quot;:&quot;Muro cortina modular combinado con escamas de panel composite.&quot;},{&quot;src&quot;:&quot;https:\\\/\\\/www.garciafaura.com\\\/wp-content\\\/uploads\\\/2018\\\/11\\\/Edifici-Plac\\u0327a-Europa-05.jpg&quot;,&quot;title&quot;:&quot;Muro cortina modular combinado con escamas de panel composite.&quot;},{&quot;src&quot;:&quot;https:\\\/\\\/www.garciafaura.com\\\/wp-content\\\/uploads\\\/2018\\\/11\\\/Edifici-Plac\\u0327a-Europa-04.jpg&quot;,&quot;title&quot;:&quot;Muro cortina modular combinado con escamas de panel composite.&quot;},{&quot;src&quot;:&quot;https:\\\/\\\/www.garciafaura.com\\\/wp-content\\\/uploads\\\/2018\\\/11\\\/Edifici-Plac\\u0327a-Europa-03.jpg&quot;,&quot;title&quot;:&quot;Muro cortina modular combinado con escamas de panel composite.&quot;},{&quot;src&quot;:&quot;https:\\\/\\\/www.garciafaura.com\\\/wp-content\\\/uploads\\\/2018\\\/11\\\/Edifici-Plac\\u0327a-Europa-02.jpg&quot;,&quot;title&quot;:&quot;Muro cortina modular combinado con escamas de panel composite.&quot;}]\"><img decoding=\"async\" data-no-lazy=\"1\" class=\"portfolio-entry-img skip-lazy\" src=\"https:\/\/www.garciafaura.com\/wp-content\/uploads\/2018\/11\/Edifici-Plac\u0327a-Europa-02-x.jpg\" alt=\"Muro Cortina Modular Combinado Con Escamas De Panel Composite.\" data-no-retina \/><\/a><\/div><div class=\"portfolio-entry-details entry-details wpex-clr\"><div class=\"match-height-content\"><h2 class=\"portfolio-entry-title entry-title\"><a href=\"https:\/\/www.garciafaura.com\/es\/portfolio-item\/oficinas-placa-europa\/\" title=\"Oficinas Pla\u00e7a Europa\">Oficinas Pla\u00e7a Europa<\/a><\/h2><div class=\"portfolio-entry-categories entry-categories wpex-clr\"><a href=\"https:\/\/www.garciafaura.com\/es\/portfolio-category\/edificios-corporativos\/\" class=\"term-45\">Edificios Corporativos<\/a><\/div><\/div><\/div><\/div><\/div><div class=\"portfolio-entry vcex-grid-item entry-has-details span_1_of_3 col col-2 vcex-isotope-entry vcex-no-margin-entry post-18390 entry type-portfolio has-media cat-49 cat-51 translation_priority-6\"><div class=\"portfolio-entry-inner entry-inner wpex-clr\"><div class=\"portfolio-entry-media entry-media wpex-clr\"><a href=\"https:\/\/www.garciafaura.com\/wp-content\/uploads\/2018\/11\/Gimna\u0300s-Arqus-Sport-01.jpg\" title=\"Gimnasio Arqus Sport\" class=\"portfolio-entry-media-link wpex-lightbox-gallery\" data-gallery=\"[{&quot;src&quot;:&quot;https:\\\/\\\/www.garciafaura.com\\\/wp-content\\\/uploads\\\/2018\\\/11\\\/Gimna\\u0300s-Arqus-Sport-01.jpg&quot;,&quot;title&quot;:&quot;Muro cortina curvado de las nuevas instalaciones de este gimnasio&quot;},{&quot;src&quot;:&quot;https:\\\/\\\/www.garciafaura.com\\\/wp-content\\\/uploads\\\/2018\\\/11\\\/Gimna\\u0300s-Arqus-Sport-05.jpg&quot;,&quot;title&quot;:&quot;Muro cortina curvado de las nuevas instalaciones de este gimnasio&quot;},{&quot;src&quot;:&quot;https:\\\/\\\/www.garciafaura.com\\\/wp-content\\\/uploads\\\/2018\\\/11\\\/Gimna\\u0300s-Arqus-Sport-04.jpg&quot;,&quot;title&quot;:&quot;Muro cortina curvado de las nuevas instalaciones de este gimnasio&quot;},{&quot;src&quot;:&quot;https:\\\/\\\/www.garciafaura.com\\\/wp-content\\\/uploads\\\/2018\\\/11\\\/Gimna\\u0300s-Arqus-Sport-03.jpg&quot;,&quot;title&quot;:&quot;Muro cortina curvado de las nuevas instalaciones de este gimnasio&quot;},{&quot;src&quot;:&quot;https:\\\/\\\/www.garciafaura.com\\\/wp-content\\\/uploads\\\/2018\\\/11\\\/Gimna\\u0300s-Arqus-Sport-02.jpg&quot;,&quot;title&quot;:&quot;Muro cortina curvado de las nuevas instalaciones de este gimnasio&quot;}]\"><img decoding=\"async\" data-no-lazy=\"1\" class=\"portfolio-entry-img skip-lazy\" src=\"https:\/\/www.garciafaura.com\/wp-content\/uploads\/2018\/11\/Gimna\u0300s-Arqus-Sport-01-x.jpg\" alt=\"Muro Cortina Curvado De Las Nuevas Instalaciones De Este Gimnasio\" data-no-retina \/><\/a><\/div><div class=\"portfolio-entry-details entry-details wpex-clr\"><div class=\"match-height-content\"><h2 class=\"portfolio-entry-title entry-title\"><a href=\"https:\/\/www.garciafaura.com\/es\/portfolio-item\/gimnasio-arqus-sport\/\" title=\"Gimnasio Arqus Sport\">Gimnasio Arqus Sport<\/a><\/h2><div class=\"portfolio-entry-categories entry-categories wpex-clr\"><a href=\"https:\/\/www.garciafaura.com\/es\/portfolio-category\/edificios-de-servicios\/\" class=\"term-49\">Edificios de Servicios<\/a><\/div><\/div><\/div><\/div><\/div><div class=\"portfolio-entry vcex-grid-item entry-has-details span_1_of_3 col col-3 vcex-isotope-entry vcex-no-margin-entry post-18387 entry type-portfolio has-media cat-49 cat-50 cat-51 cat-52 translation_priority-6\"><div class=\"portfolio-entry-inner entry-inner wpex-clr\"><div class=\"portfolio-entry-media entry-media wpex-clr\"><a href=\"https:\/\/www.garciafaura.com\/wp-content\/uploads\/2018\/11\/Fira-de-Barcelona-00.jpg\" title=\"Fira Barcelona Gran Via\" class=\"portfolio-entry-media-link wpex-lightbox-gallery\" data-gallery=\"[{&quot;src&quot;:&quot;https:\\\/\\\/www.garciafaura.com\\\/wp-content\\\/uploads\\\/2018\\\/11\\\/Fira-de-Barcelona-01.jpg&quot;,&quot;title&quot;:&quot;Muro cortina y cerramientos del pabell\\u00f3n Fira 2 dise\\u00f1ado por el arquitecto Toyo Ito&quot;},{&quot;src&quot;:&quot;https:\\\/\\\/www.garciafaura.com\\\/wp-content\\\/uploads\\\/2018\\\/11\\\/Fira-de-Barcelona-31.jpg&quot;,&quot;title&quot;:&quot;Muro cortina y cerramientos del pabell\\u00f3n Fira 2 dise\\u00f1ado por el arquitecto Toyo Ito&quot;},{&quot;src&quot;:&quot;https:\\\/\\\/www.garciafaura.com\\\/wp-content\\\/uploads\\\/2018\\\/11\\\/Fira-de-Barcelona-30.jpg&quot;,&quot;title&quot;:&quot;Muro cortina y cerramientos del pabell\\u00f3n Fira 2 dise\\u00f1ado por el arquitecto Toyo Ito&quot;},{&quot;src&quot;:&quot;https:\\\/\\\/www.garciafaura.com\\\/wp-content\\\/uploads\\\/2018\\\/11\\\/Fira-de-Barcelona-29.jpg&quot;,&quot;title&quot;:&quot;Muro cortina y cerramientos del pabell\\u00f3n Fira 2 dise\\u00f1ado por el arquitecto Toyo Ito&quot;},{&quot;src&quot;:&quot;https:\\\/\\\/www.garciafaura.com\\\/wp-content\\\/uploads\\\/2018\\\/11\\\/Fira-de-Barcelona-28.jpg&quot;,&quot;title&quot;:&quot;Muro cortina y cerramientos del pabell\\u00f3n Fira 2 dise\\u00f1ado por el arquitecto Toyo Ito&quot;},{&quot;src&quot;:&quot;https:\\\/\\\/www.garciafaura.com\\\/wp-content\\\/uploads\\\/2018\\\/11\\\/Fira-de-Barcelona-27.jpg&quot;,&quot;title&quot;:&quot;Mur cortina i tancaments del pavell\\u00f3 Fira 2 dissenyat per l&#039;arquitecte Toyo ItoMur cortina i tancaments del pavell\\u00f3 Fira 2 dissenyat per l&#039;arquitecte Toyo Ito&quot;},{&quot;src&quot;:&quot;https:\\\/\\\/www.garciafaura.com\\\/wp-content\\\/uploads\\\/2018\\\/11\\\/Fira-de-Barcelona-26.jpg&quot;,&quot;title&quot;:&quot;Muro cortina y cerramientos del pabell\\u00f3n Fira 2 dise\\u00f1ado por el arquitecto Toyo Ito&quot;},{&quot;src&quot;:&quot;https:\\\/\\\/www.garciafaura.com\\\/wp-content\\\/uploads\\\/2018\\\/11\\\/Fira-de-Barcelona-25.jpg&quot;,&quot;title&quot;:&quot;Muro cortina y cerramientos del pabell\\u00f3n Fira 2 dise\\u00f1ado por el arquitecto Toyo Ito&quot;},{&quot;src&quot;:&quot;https:\\\/\\\/www.garciafaura.com\\\/wp-content\\\/uploads\\\/2018\\\/11\\\/Fira-de-Barcelona-24.jpg&quot;,&quot;title&quot;:&quot;Muro cortina y cerramientos del pabell\\u00f3n Fira 2 dise\\u00f1ado por el arquitecto Toyo Ito&quot;},{&quot;src&quot;:&quot;https:\\\/\\\/www.garciafaura.com\\\/wp-content\\\/uploads\\\/2018\\\/11\\\/Fira-de-Barcelona-23.jpg&quot;,&quot;title&quot;:&quot;Muro cortina y cerramientos del pabell\\u00f3n Fira 2 dise\\u00f1ado por el arquitecto Toyo Ito&quot;},{&quot;src&quot;:&quot;https:\\\/\\\/www.garciafaura.com\\\/wp-content\\\/uploads\\\/2018\\\/11\\\/Fira-de-Barcelona-22.jpg&quot;,&quot;title&quot;:&quot;Muro cortina y cerramientos del pabell\\u00f3n Fira 2 dise\\u00f1ado por el arquitecto Toyo Ito&quot;},{&quot;src&quot;:&quot;https:\\\/\\\/www.garciafaura.com\\\/wp-content\\\/uploads\\\/2018\\\/11\\\/Fira-de-Barcelona-21.jpg&quot;,&quot;title&quot;:&quot;Muro cortina y cerramientos del pabell\\u00f3n Fira 2 dise\\u00f1ado por el arquitecto Toyo Ito&quot;},{&quot;src&quot;:&quot;https:\\\/\\\/www.garciafaura.com\\\/wp-content\\\/uploads\\\/2018\\\/11\\\/Fira-de-Barcelona-20.jpg&quot;,&quot;title&quot;:&quot;Muro cortina y cerramientos del pabell\\u00f3n Fira 2 dise\\u00f1ado por el arquitecto Toyo Ito&quot;},{&quot;src&quot;:&quot;https:\\\/\\\/www.garciafaura.com\\\/wp-content\\\/uploads\\\/2018\\\/11\\\/Fira-de-Barcelona-19.jpg&quot;,&quot;title&quot;:&quot;Muro cortina y cerramientos del pabell\\u00f3n Fira 2 dise\\u00f1ado por el arquitecto Toyo Ito&quot;},{&quot;src&quot;:&quot;https:\\\/\\\/www.garciafaura.com\\\/wp-content\\\/uploads\\\/2018\\\/11\\\/Fira-de-Barcelona-18.jpg&quot;,&quot;title&quot;:&quot;Muro cortina y cerramientos del pabell\\u00f3n Fira 2 dise\\u00f1ado por el arquitecto Toyo Ito&quot;},{&quot;src&quot;:&quot;https:\\\/\\\/www.garciafaura.com\\\/wp-content\\\/uploads\\\/2018\\\/11\\\/Fira-de-Barcelona-17.jpg&quot;,&quot;title&quot;:&quot;Muro cortina y cerramientos del pabell\\u00f3n Fira 2 dise\\u00f1ado por el arquitecto Toyo Ito&quot;},{&quot;src&quot;:&quot;https:\\\/\\\/www.garciafaura.com\\\/wp-content\\\/uploads\\\/2018\\\/11\\\/Fira-de-Barcelona-16.jpg&quot;,&quot;title&quot;:&quot;Muro cortina y cerramientos del pabell\\u00f3n Fira 2 dise\\u00f1ado por el arquitecto Toyo Ito&quot;},{&quot;src&quot;:&quot;https:\\\/\\\/www.garciafaura.com\\\/wp-content\\\/uploads\\\/2018\\\/11\\\/Fira-de-Barcelona-15.jpg&quot;,&quot;title&quot;:&quot;Muro cortina y cerramientos del pabell\\u00f3n Fira 2 dise\\u00f1ado por el arquitecto Toyo Ito&quot;},{&quot;src&quot;:&quot;https:\\\/\\\/www.garciafaura.com\\\/wp-content\\\/uploads\\\/2018\\\/11\\\/Fira-de-Barcelona-14.jpg&quot;,&quot;title&quot;:&quot;Muro cortina y cerramientos del pabell\\u00f3n Fira 2 dise\\u00f1ado por el arquitecto Toyo Ito&quot;},{&quot;src&quot;:&quot;https:\\\/\\\/www.garciafaura.com\\\/wp-content\\\/uploads\\\/2018\\\/11\\\/Fira-de-Barcelona-13.jpg&quot;,&quot;title&quot;:&quot;Muro cortina y cerramientos del pabell\\u00f3n Fira 2 dise\\u00f1ado por el arquitecto Toyo Ito&quot;},{&quot;src&quot;:&quot;https:\\\/\\\/www.garciafaura.com\\\/wp-content\\\/uploads\\\/2018\\\/11\\\/Fira-de-Barcelona-12.jpg&quot;,&quot;title&quot;:&quot;Muro cortina y cerramientos del pabell\\u00f3n Fira 2 dise\\u00f1ado por el arquitecto Toyo Ito&quot;},{&quot;src&quot;:&quot;https:\\\/\\\/www.garciafaura.com\\\/wp-content\\\/uploads\\\/2018\\\/11\\\/Fira-de-Barcelona-11.jpg&quot;,&quot;title&quot;:&quot;Muro cortina y cerramientos del pabell\\u00f3n Fira 2 dise\\u00f1ado por el arquitecto Toyo Ito&quot;},{&quot;src&quot;:&quot;https:\\\/\\\/www.garciafaura.com\\\/wp-content\\\/uploads\\\/2018\\\/11\\\/Fira-de-Barcelona-10.jpg&quot;,&quot;title&quot;:&quot;Muro cortina y cerramientos del pabell\\u00f3n Fira 2 dise\\u00f1ado por el arquitecto Toyo Ito&quot;},{&quot;src&quot;:&quot;https:\\\/\\\/www.garciafaura.com\\\/wp-content\\\/uploads\\\/2018\\\/11\\\/Fira-de-Barcelona-09.jpg&quot;,&quot;title&quot;:&quot;Muro cortina y cerramientos del pabell\\u00f3n Fira 2 dise\\u00f1ado por el arquitecto Toyo Ito&quot;},{&quot;src&quot;:&quot;https:\\\/\\\/www.garciafaura.com\\\/wp-content\\\/uploads\\\/2018\\\/11\\\/Fira-de-Barcelona-08.jpg&quot;,&quot;title&quot;:&quot;Muro cortina y cerramientos del pabell\\u00f3n Fira 2 dise\\u00f1ado por el arquitecto Toyo Ito&quot;},{&quot;src&quot;:&quot;https:\\\/\\\/www.garciafaura.com\\\/wp-content\\\/uploads\\\/2018\\\/11\\\/Fira-de-Barcelona-07.jpg&quot;,&quot;title&quot;:&quot;Muro cortina y cerramientos del pabell\\u00f3n Fira 2 dise\\u00f1ado por el arquitecto Toyo Ito&quot;},{&quot;src&quot;:&quot;https:\\\/\\\/www.garciafaura.com\\\/wp-content\\\/uploads\\\/2018\\\/11\\\/Fira-de-Barcelona-06.jpg&quot;,&quot;title&quot;:&quot;Muro cortina y cerramientos del pabell\\u00f3n Fira 2 dise\\u00f1ado por el arquitecto Toyo Ito&quot;},{&quot;src&quot;:&quot;https:\\\/\\\/www.garciafaura.com\\\/wp-content\\\/uploads\\\/2018\\\/11\\\/Fira-de-Barcelona-05.jpg&quot;,&quot;title&quot;:&quot;Muro cortina y cerramientos del pabell\\u00f3n Fira 2 dise\\u00f1ado por el arquitecto Toyo Ito&quot;},{&quot;src&quot;:&quot;https:\\\/\\\/www.garciafaura.com\\\/wp-content\\\/uploads\\\/2018\\\/11\\\/Fira-de-Barcelona-04.jpg&quot;,&quot;title&quot;:&quot;Muro cortina y cerramientos del pabell\\u00f3n Fira 2 dise\\u00f1ado por el arquitecto Toyo Ito&quot;},{&quot;src&quot;:&quot;https:\\\/\\\/www.garciafaura.com\\\/wp-content\\\/uploads\\\/2018\\\/11\\\/Fira-de-Barcelona-03.jpg&quot;,&quot;title&quot;:&quot;Muro cortina y cerramientos del pabell\\u00f3n Fira 2 dise\\u00f1ado por el arquitecto Toyo Ito&quot;},{&quot;src&quot;:&quot;https:\\\/\\\/www.garciafaura.com\\\/wp-content\\\/uploads\\\/2018\\\/11\\\/Fira-de-Barcelona-02.jpg&quot;,&quot;title&quot;:&quot;Muro cortina y cerramientos del pabell\\u00f3n Fira 2 dise\\u00f1ado por el arquitecto Toyo Ito&quot;}]\"><img loading=\"lazy\" decoding=\"async\" data-no-lazy=\"1\" class=\"portfolio-entry-img skip-lazy\" src=\"https:\/\/www.garciafaura.com\/wp-content\/uploads\/2018\/11\/Fira-de-Barcelona-00-600x314.jpg\" alt=\"Muro Cortina Y Cerramientos Del Pabell\u00f3n Fira 2 Dise\u00f1ado Por El Arquitecto Toyo Ito\" data-no-retina width=\"600\" height=\"314\" \/><\/a><\/div><div class=\"portfolio-entry-details entry-details wpex-clr\"><div class=\"match-height-content\"><h2 class=\"portfolio-entry-title entry-title\"><a href=\"https:\/\/www.garciafaura.com\/es\/portfolio-item\/fira-barcelona-gran-via\/\" title=\"Fira Barcelona Gran Via\">Fira Barcelona Gran Via<\/a><\/h2><div class=\"portfolio-entry-categories entry-categories wpex-clr\"><a href=\"https:\/\/www.garciafaura.com\/es\/portfolio-category\/edificios-de-servicios\/\" class=\"term-49\">Edificios de Servicios<\/a><\/div><\/div><\/div><\/div><\/div><div class=\"portfolio-entry vcex-grid-item entry-has-details span_1_of_3 col col-1 vcex-isotope-entry vcex-no-margin-entry post-18381 entry type-portfolio has-media cat-45 cat-51 translation_priority-6\"><div class=\"portfolio-entry-inner entry-inner wpex-clr\"><div class=\"portfolio-entry-media entry-media wpex-clr\"><a href=\"https:\/\/www.garciafaura.com\/wp-content\/uploads\/2018\/11\/Seu-Indra-Company-03.jpg\" title=\"Sede corporativa Indra\" class=\"portfolio-entry-media-link wpex-lightbox-gallery\" data-gallery=\"[{&quot;src&quot;:&quot;https:\\\/\\\/www.garciafaura.com\\\/wp-content\\\/uploads\\\/2018\\\/11\\\/Seu-Indra-Company-01.jpg&quot;,&quot;title&quot;:&quot;Nuevo edificio corporativo de la empresa tecnol\\u00f3gica Indra en el distrito 22@ de Barcelona&quot;},{&quot;src&quot;:&quot;https:\\\/\\\/www.garciafaura.com\\\/wp-content\\\/uploads\\\/2018\\\/11\\\/Seu-Indra-Company-07.jpg&quot;,&quot;title&quot;:&quot;Nuevo edificio corporativo de la empresa tecnol\\u00f3gica Indra en el distrito 22@ de Barcelona&quot;},{&quot;src&quot;:&quot;https:\\\/\\\/www.garciafaura.com\\\/wp-content\\\/uploads\\\/2018\\\/11\\\/Seu-Indra-Company-06.jpg&quot;,&quot;title&quot;:&quot;Nuevo edificio corporativo de la empresa tecnol\\u00f3gica Indra en el distrito 22@ de Barcelona&quot;},{&quot;src&quot;:&quot;https:\\\/\\\/www.garciafaura.com\\\/wp-content\\\/uploads\\\/2018\\\/11\\\/Seu-Indra-Company-05.jpg&quot;,&quot;title&quot;:&quot;Nuevo edificio corporativo de la empresa tecnol\\u00f3gica Indra en el distrito 22@ de Barcelona&quot;},{&quot;src&quot;:&quot;https:\\\/\\\/www.garciafaura.com\\\/wp-content\\\/uploads\\\/2018\\\/11\\\/Seu-Indra-Company-04.jpg&quot;,&quot;title&quot;:&quot;Nuevo edificio corporativo de la empresa tecnol\\u00f3gica Indra en el distrito 22@ de Barcelona&quot;},{&quot;src&quot;:&quot;https:\\\/\\\/www.garciafaura.com\\\/wp-content\\\/uploads\\\/2018\\\/11\\\/Seu-Indra-Company-03.jpg&quot;,&quot;title&quot;:&quot;Nuevo edificio corporativo de la empresa tecnol\\u00f3gica Indra en el distrito 22@ de Barcelona&quot;},{&quot;src&quot;:&quot;https:\\\/\\\/www.garciafaura.com\\\/wp-content\\\/uploads\\\/2018\\\/11\\\/Seu-Indra-Company-02.jpg&quot;,&quot;title&quot;:&quot;Nuevo edificio corporativo de la empresa tecnol\\u00f3gica Indra en el distrito 22@ de Barcelona&quot;}]\"><img decoding=\"async\" data-no-lazy=\"1\" class=\"portfolio-entry-img skip-lazy\" src=\"https:\/\/www.garciafaura.com\/wp-content\/uploads\/2018\/11\/Seu-Indra-Company-03-x.jpg\" alt=\"Nuevo Edificio Corporativo De La Empresa Tecnol\u00f3gica Indra En El Distrito 22@ De Barcelona\" data-no-retina \/><\/a><\/div><div class=\"portfolio-entry-details entry-details wpex-clr\"><div class=\"match-height-content\"><h2 class=\"portfolio-entry-title entry-title\"><a href=\"https:\/\/www.garciafaura.com\/es\/portfolio-item\/sede-corporativa-indra\/\" title=\"Sede corporativa Indra\">Sede corporativa Indra<\/a><\/h2><div class=\"portfolio-entry-categories entry-categories wpex-clr\"><a href=\"https:\/\/www.garciafaura.com\/es\/portfolio-category\/edificios-corporativos\/\" class=\"term-45\">Edificios Corporativos<\/a><\/div><\/div><\/div><\/div><\/div><div class=\"portfolio-entry vcex-grid-item entry-has-details span_1_of_3 col col-2 vcex-isotope-entry vcex-no-margin-entry post-18367 entry type-portfolio has-media cat-45 cat-51 translation_priority-6\"><div class=\"portfolio-entry-inner entry-inner wpex-clr\"><div class=\"portfolio-entry-media entry-media wpex-clr\"><a href=\"https:\/\/www.garciafaura.com\/wp-content\/uploads\/2018\/11\/Promocio\u0301-Mas-Blau-01.jpg\" title=\"Promoci\u00f3n Mas Blau\" class=\"portfolio-entry-media-link wpex-lightbox-gallery\" data-gallery=\"[{&quot;src&quot;:&quot;https:\\\/\\\/www.garciafaura.com\\\/wp-content\\\/uploads\\\/2018\\\/11\\\/Promocio\\u0301-Mas-Blau-01.jpg&quot;,&quot;title&quot;:&quot;Muros cortina del edificio central y trabajos de carpinter\\u00eda de aluminio en edificios de servicios&quot;},{&quot;src&quot;:&quot;https:\\\/\\\/www.garciafaura.com\\\/wp-content\\\/uploads\\\/2018\\\/11\\\/Promocio\\u0301-Mas-Blau-17.jpg&quot;,&quot;title&quot;:&quot;Muros cortina del edificio central y trabajos de carpinter\\u00eda de aluminio en edificios de servicios&quot;},{&quot;src&quot;:&quot;https:\\\/\\\/www.garciafaura.com\\\/wp-content\\\/uploads\\\/2018\\\/11\\\/Promocio\\u0301-Mas-Blau-16.jpg&quot;,&quot;title&quot;:&quot;Muros cortina del edificio central y trabajos de carpinter\\u00eda de aluminio en edificios de servicios&quot;},{&quot;src&quot;:&quot;https:\\\/\\\/www.garciafaura.com\\\/wp-content\\\/uploads\\\/2018\\\/11\\\/Promocio\\u0301-Mas-Blau-15.jpg&quot;,&quot;title&quot;:&quot;Muros cortina del edificio central y trabajos de carpinter\\u00eda de aluminio en edificios de servicios&quot;},{&quot;src&quot;:&quot;https:\\\/\\\/www.garciafaura.com\\\/wp-content\\\/uploads\\\/2018\\\/11\\\/Promocio\\u0301-Mas-Blau-14.jpg&quot;,&quot;title&quot;:&quot;Muros cortina del edificio central y trabajos de carpinter\\u00eda de aluminio en edificios de servicios&quot;},{&quot;src&quot;:&quot;https:\\\/\\\/www.garciafaura.com\\\/wp-content\\\/uploads\\\/2018\\\/11\\\/Promocio\\u0301-Mas-Blau-13.jpg&quot;,&quot;title&quot;:&quot;Muros cortina del edificio central y trabajos de carpinter\\u00eda de aluminio en edificios de servicios&quot;},{&quot;src&quot;:&quot;https:\\\/\\\/www.garciafaura.com\\\/wp-content\\\/uploads\\\/2018\\\/11\\\/Promocio\\u0301-Mas-Blau-12.jpg&quot;,&quot;title&quot;:&quot;Muros cortina del edificio central y trabajos de carpinter\\u00eda de aluminio en edificios de servicios&quot;},{&quot;src&quot;:&quot;https:\\\/\\\/www.garciafaura.com\\\/wp-content\\\/uploads\\\/2018\\\/11\\\/Promocio\\u0301-Mas-Blau-11.jpg&quot;,&quot;title&quot;:&quot;Muros cortina del edificio central y trabajos de carpinter\\u00eda de aluminio en edificios de servicios&quot;},{&quot;src&quot;:&quot;https:\\\/\\\/www.garciafaura.com\\\/wp-content\\\/uploads\\\/2018\\\/11\\\/Promocio\\u0301-Mas-Blau-10.jpg&quot;,&quot;title&quot;:&quot;Muros cortina del edificio central y trabajos de carpinter\\u00eda de aluminio en edificios de servicios&quot;},{&quot;src&quot;:&quot;https:\\\/\\\/www.garciafaura.com\\\/wp-content\\\/uploads\\\/2018\\\/11\\\/Promocio\\u0301-Mas-Blau-09.jpg&quot;,&quot;title&quot;:&quot;Muros cortina del edificio central y trabajos de carpinter\\u00eda de aluminio en edificios de servicios&quot;},{&quot;src&quot;:&quot;https:\\\/\\\/www.garciafaura.com\\\/wp-content\\\/uploads\\\/2018\\\/11\\\/Promocio\\u0301-Mas-Blau-08.jpg&quot;,&quot;title&quot;:&quot;Muros cortina del edificio central y trabajos de carpinter\\u00eda de aluminio en edificios de servicios&quot;},{&quot;src&quot;:&quot;https:\\\/\\\/www.garciafaura.com\\\/wp-content\\\/uploads\\\/2018\\\/11\\\/Promocio\\u0301-Mas-Blau-06.jpg&quot;,&quot;title&quot;:&quot;Muros cortina del edificio central y trabajos de carpinter\\u00eda de aluminio en edificios de servicios&quot;},{&quot;src&quot;:&quot;https:\\\/\\\/www.garciafaura.com\\\/wp-content\\\/uploads\\\/2018\\\/11\\\/Promocio\\u0301-Mas-Blau-07.jpg&quot;,&quot;title&quot;:&quot;Muros cortina del edificio central y trabajos de carpinter\\u00eda de aluminio en edificios de servicios&quot;},{&quot;src&quot;:&quot;https:\\\/\\\/www.garciafaura.com\\\/wp-content\\\/uploads\\\/2018\\\/11\\\/Promocio\\u0301-Mas-Blau-05.jpg&quot;,&quot;title&quot;:&quot;Muros cortina del edificio central y trabajos de carpinter\\u00eda de aluminio en edificios de servicios&quot;},{&quot;src&quot;:&quot;https:\\\/\\\/www.garciafaura.com\\\/wp-content\\\/uploads\\\/2018\\\/11\\\/Promocio\\u0301-Mas-Blau-04.jpg&quot;,&quot;title&quot;:&quot;Muros cortina del edificio central y trabajos de carpinter\\u00eda de aluminio en edificios de servicios&quot;},{&quot;src&quot;:&quot;https:\\\/\\\/www.garciafaura.com\\\/wp-content\\\/uploads\\\/2018\\\/11\\\/Promocio\\u0301-Mas-Blau-03.jpg&quot;,&quot;title&quot;:&quot;Muros cortina del edificio central y trabajos de carpinter\\u00eda de aluminio en edificios de servicios&quot;},{&quot;src&quot;:&quot;https:\\\/\\\/www.garciafaura.com\\\/wp-content\\\/uploads\\\/2018\\\/11\\\/Promocio\\u0301-Mas-Blau-02.jpg&quot;,&quot;title&quot;:&quot;Muros cortina del edificio central y trabajos de carpinter\\u00eda de aluminio en edificios de servicios&quot;}]\"><img decoding=\"async\" data-no-lazy=\"1\" class=\"portfolio-entry-img skip-lazy\" src=\"https:\/\/www.garciafaura.com\/wp-content\/uploads\/2018\/11\/Promocio\u0301-Mas-Blau-01-x.jpg\" alt=\"Muros Cortina Del Edificio Central Y Trabajos De Carpinter\u00eda De Aluminio En Edificios De Servicios\" data-no-retina \/><\/a><\/div><div class=\"portfolio-entry-details entry-details wpex-clr\"><div class=\"match-height-content\"><h2 class=\"portfolio-entry-title entry-title\"><a href=\"https:\/\/www.garciafaura.com\/es\/portfolio-item\/promocion-mas-blau\/\" title=\"Promoci\u00f3n Mas Blau\">Promoci\u00f3n Mas Blau<\/a><\/h2><div class=\"portfolio-entry-categories entry-categories wpex-clr\"><a href=\"https:\/\/www.garciafaura.com\/es\/portfolio-category\/edificios-corporativos\/\" class=\"term-45\">Edificios Corporativos<\/a><\/div><\/div><\/div><\/div><\/div><div class=\"portfolio-entry vcex-grid-item entry-has-details span_1_of_3 col col-3 vcex-isotope-entry vcex-no-margin-entry post-18358 entry type-portfolio has-media cat-49 cat-51 translation_priority-6\"><div class=\"portfolio-entry-inner entry-inner wpex-clr\"><div class=\"portfolio-entry-media entry-media wpex-clr\"><a href=\"https:\/\/www.garciafaura.com\/wp-content\/uploads\/2018\/11\/BMW-Tarragona-01.jpg\" title=\"BMW Tarragona\" class=\"portfolio-entry-media-link wpex-lightbox-gallery\" data-gallery=\"[{&quot;src&quot;:&quot;https:\\\/\\\/www.garciafaura.com\\\/wp-content\\\/uploads\\\/2018\\\/11\\\/BMW-Tarragona-01.jpg&quot;,&quot;title&quot;:&quot;Nuevo concesionario de la marca BMW en Tarragona&quot;},{&quot;src&quot;:&quot;https:\\\/\\\/www.garciafaura.com\\\/wp-content\\\/uploads\\\/2018\\\/11\\\/BMW-Tarragona-07.jpg&quot;,&quot;title&quot;:&quot;Nuevo concesionario de la marca BMW en Tarragona&quot;},{&quot;src&quot;:&quot;https:\\\/\\\/www.garciafaura.com\\\/wp-content\\\/uploads\\\/2018\\\/11\\\/BMW-Tarragona-06.jpg&quot;,&quot;title&quot;:&quot;Nuevo concesionario de la marca BMW en Tarragona&quot;},{&quot;src&quot;:&quot;https:\\\/\\\/www.garciafaura.com\\\/wp-content\\\/uploads\\\/2018\\\/11\\\/BMW-Tarragona-05.jpg&quot;,&quot;title&quot;:&quot;Nuevo concesionario de la marca BMW en Tarragona&quot;},{&quot;src&quot;:&quot;https:\\\/\\\/www.garciafaura.com\\\/wp-content\\\/uploads\\\/2018\\\/11\\\/BMW-Tarragona-04.jpg&quot;,&quot;title&quot;:&quot;Nuevo concesionario de la marca BMW en Tarragona&quot;},{&quot;src&quot;:&quot;https:\\\/\\\/www.garciafaura.com\\\/wp-content\\\/uploads\\\/2018\\\/11\\\/BMW-Tarragona-03.jpg&quot;,&quot;title&quot;:&quot;Nuevo concesionario de la marca BMW en Tarragona&quot;},{&quot;src&quot;:&quot;https:\\\/\\\/www.garciafaura.com\\\/wp-content\\\/uploads\\\/2018\\\/11\\\/BMW-Tarragona-02.jpg&quot;,&quot;title&quot;:&quot;Nuevo concesionario de la marca BMW en Tarragona&quot;}]\"><img loading=\"lazy\" decoding=\"async\" data-no-lazy=\"1\" class=\"portfolio-entry-img skip-lazy\" src=\"https:\/\/www.garciafaura.com\/wp-content\/uploads\/2018\/11\/BMW-Tarragona-01-600x314.jpg\" alt=\"Nuevo Concesionario De La Marca BMW En Tarragona\" data-no-retina width=\"600\" height=\"314\" \/><\/a><\/div><div class=\"portfolio-entry-details entry-details wpex-clr\"><div class=\"match-height-content\"><h2 class=\"portfolio-entry-title entry-title\"><a href=\"https:\/\/www.garciafaura.com\/es\/portfolio-item\/bmw-tarragona\/\" title=\"BMW Tarragona\">BMW Tarragona<\/a><\/h2><div class=\"portfolio-entry-categories entry-categories wpex-clr\"><a href=\"https:\/\/www.garciafaura.com\/es\/portfolio-category\/edificios-de-servicios\/\" class=\"term-49\">Edificios de Servicios<\/a><\/div><\/div><\/div><\/div><\/div><div class=\"portfolio-entry vcex-grid-item entry-has-details span_1_of_3 col col-1 vcex-isotope-entry vcex-no-margin-entry post-18355 entry type-portfolio has-media cat-45 cat-51 translation_priority-6\"><div class=\"portfolio-entry-inner entry-inner wpex-clr\"><div class=\"portfolio-entry-media entry-media wpex-clr\"><a href=\"https:\/\/www.garciafaura.com\/wp-content\/uploads\/2018\/11\/Edifici-Big-Mat-Vilanova-01.jpg\" title=\"Bigmat Vilanova i la Geltr\u00fa\" class=\"portfolio-entry-media-link wpex-lightbox-gallery\" data-gallery=\"[{&quot;src&quot;:&quot;https:\\\/\\\/www.garciafaura.com\\\/wp-content\\\/uploads\\\/2018\\\/11\\\/Edifici-Big-Mat-Vilanova-01.jpg&quot;,&quot;title&quot;:&quot;Fachada y cerramientos en aluminio y vidrio de la sede de Vilanova i la Geltr\\u00fa&quot;},{&quot;src&quot;:&quot;https:\\\/\\\/www.garciafaura.com\\\/wp-content\\\/uploads\\\/2018\\\/11\\\/Edifici-Big-Mat-Vilanova-04.jpg&quot;,&quot;title&quot;:&quot;Fachada y cerramientos en aluminio y vidrio de la sede de Vilanova i la Geltr\\u00fa&quot;},{&quot;src&quot;:&quot;https:\\\/\\\/www.garciafaura.com\\\/wp-content\\\/uploads\\\/2018\\\/11\\\/Edifici-Big-Mat-Vilanova-03.jpg&quot;,&quot;title&quot;:&quot;Fachada y cerramientos en aluminio y vidrio de la sede de Vilanova i la Geltr\\u00fa&quot;},{&quot;src&quot;:&quot;https:\\\/\\\/www.garciafaura.com\\\/wp-content\\\/uploads\\\/2018\\\/11\\\/Edifici-Big-Mat-Vilanova-02.jpg&quot;,&quot;title&quot;:&quot;Fachada y cerramientos en aluminio y vidrio de la sede de Vilanova i la Geltr\\u00fa&quot;}]\"><img decoding=\"async\" data-no-lazy=\"1\" class=\"portfolio-entry-img skip-lazy\" src=\"https:\/\/www.garciafaura.com\/wp-content\/uploads\/2018\/11\/Edifici-Big-Mat-Vilanova-01-x.jpg\" alt=\"Fachada Y Cerramientos En Aluminio Y Vidrio De La Sede De Vilanova I La Geltr\u00fa\" data-no-retina \/><\/a><\/div><div class=\"portfolio-entry-details entry-details wpex-clr\"><div class=\"match-height-content\"><h2 class=\"portfolio-entry-title entry-title\"><a href=\"https:\/\/www.garciafaura.com\/es\/portfolio-item\/bigmat-vilanova-i-la-geltru\/\" title=\"Bigmat Vilanova i la Geltr\u00fa\">Bigmat Vilanova i la Geltr\u00fa<\/a><\/h2><div class=\"portfolio-entry-categories entry-categories wpex-clr\"><a href=\"https:\/\/www.garciafaura.com\/es\/portfolio-category\/edificios-corporativos\/\" class=\"term-45\">Edificios Corporativos<\/a><\/div><\/div><\/div><\/div><\/div><div class=\"portfolio-entry vcex-grid-item entry-has-details span_1_of_3 col col-2 vcex-isotope-entry vcex-no-margin-entry post-18343 entry type-portfolio has-media cat-51 cat-53 translation_priority-6\"><div class=\"portfolio-entry-inner entry-inner wpex-clr\"><div class=\"portfolio-entry-media entry-media wpex-clr\"><a href=\"https:\/\/www.garciafaura.com\/wp-content\/uploads\/2018\/11\/Rafael-Hoteles-Casanova-14.jpg\" title=\"Rafael Hoteles Casanova\" class=\"portfolio-entry-media-link wpex-lightbox-gallery\" data-gallery=\"[{&quot;src&quot;:&quot;https:\\\/\\\/www.garciafaura.com\\\/wp-content\\\/uploads\\\/2018\\\/11\\\/Rafael-Hoteles-Casanova-01.jpg&quot;,&quot;title&quot;:&quot;Cerramientos y fachada interior de este establecimiento hotelero del centro de Barcelona&quot;},{&quot;src&quot;:&quot;https:\\\/\\\/www.garciafaura.com\\\/wp-content\\\/uploads\\\/2018\\\/11\\\/Rafael-Hoteles-Casanova-14.jpg&quot;,&quot;title&quot;:&quot;Cerramientos y fachada interior de este establecimiento hotelero del centro de Barcelona&quot;},{&quot;src&quot;:&quot;https:\\\/\\\/www.garciafaura.com\\\/wp-content\\\/uploads\\\/2018\\\/11\\\/Rafael-Hoteles-Casanova-13.jpg&quot;,&quot;title&quot;:&quot;Cerramientos y fachada interior de este establecimiento hotelero del centro de Barcelona&quot;},{&quot;src&quot;:&quot;https:\\\/\\\/www.garciafaura.com\\\/wp-content\\\/uploads\\\/2018\\\/11\\\/Rafael-Hoteles-Casanova-12.jpg&quot;,&quot;title&quot;:&quot;Cerramientos y fachada interior de este establecimiento hotelero del centro de Barcelona&quot;},{&quot;src&quot;:&quot;https:\\\/\\\/www.garciafaura.com\\\/wp-content\\\/uploads\\\/2018\\\/11\\\/Rafael-Hoteles-Casanova-11.jpg&quot;,&quot;title&quot;:&quot;Cerramientos y fachada interior de este establecimiento hotelero del centro de Barcelona&quot;},{&quot;src&quot;:&quot;https:\\\/\\\/www.garciafaura.com\\\/wp-content\\\/uploads\\\/2018\\\/11\\\/Rafael-Hoteles-Casanova-10.jpg&quot;,&quot;title&quot;:&quot;Cerramientos y fachada interior de este establecimiento hotelero del centro de Barcelona&quot;},{&quot;src&quot;:&quot;https:\\\/\\\/www.garciafaura.com\\\/wp-content\\\/uploads\\\/2018\\\/11\\\/Rafael-Hoteles-Casanova-09.jpg&quot;,&quot;title&quot;:&quot;Cerramientos y fachada interior de este establecimiento hotelero del centro de Barcelona&quot;},{&quot;src&quot;:&quot;https:\\\/\\\/www.garciafaura.com\\\/wp-content\\\/uploads\\\/2018\\\/11\\\/Rafael-Hoteles-Casanova-08.jpg&quot;,&quot;title&quot;:&quot;Cerramientos y fachada interior de este establecimiento hotelero del centro de Barcelona&quot;},{&quot;src&quot;:&quot;https:\\\/\\\/www.garciafaura.com\\\/wp-content\\\/uploads\\\/2018\\\/11\\\/Rafael-Hoteles-Casanova-07.jpg&quot;,&quot;title&quot;:&quot;Cerramientos y fachada interior de este establecimiento hotelero del centro de Barcelona&quot;},{&quot;src&quot;:&quot;https:\\\/\\\/www.garciafaura.com\\\/wp-content\\\/uploads\\\/2018\\\/11\\\/Rafael-Hoteles-Casanova-06.jpg&quot;,&quot;title&quot;:&quot;Cerramientos y fachada interior de este establecimiento hotelero del centro de Barcelona&quot;},{&quot;src&quot;:&quot;https:\\\/\\\/www.garciafaura.com\\\/wp-content\\\/uploads\\\/2018\\\/11\\\/Rafael-Hoteles-Casanova-05.jpg&quot;,&quot;title&quot;:&quot;Cerramientos y fachada interior de este establecimiento hotelero del centro de Barcelona&quot;},{&quot;src&quot;:&quot;https:\\\/\\\/www.garciafaura.com\\\/wp-content\\\/uploads\\\/2018\\\/11\\\/Rafael-Hoteles-Casanova-04.jpg&quot;,&quot;title&quot;:&quot;Cerramientos y fachada interior de este establecimiento hotelero del centro de Barcelona&quot;},{&quot;src&quot;:&quot;https:\\\/\\\/www.garciafaura.com\\\/wp-content\\\/uploads\\\/2018\\\/11\\\/Rafael-Hoteles-Casanova-03.jpg&quot;,&quot;title&quot;:&quot;Cerramientos y fachada interior de este establecimiento hotelero del centro de Barcelona&quot;},{&quot;src&quot;:&quot;https:\\\/\\\/www.garciafaura.com\\\/wp-content\\\/uploads\\\/2018\\\/11\\\/Rafael-Hoteles-Casanova-02.jpg&quot;,&quot;title&quot;:&quot;Cerramientos y fachada interior de este establecimiento hotelero del centro de Barcelona&quot;}]\"><img decoding=\"async\" data-no-lazy=\"1\" class=\"portfolio-entry-img skip-lazy\" src=\"https:\/\/www.garciafaura.com\/wp-content\/uploads\/2018\/11\/Rafael-Hoteles-Casanova-14-x.jpg\" alt=\"Cerramientos Y Fachada Interior De Este Establecimiento Hotelero Del Centro De Barcelona\" data-no-retina \/><\/a><\/div><div class=\"portfolio-entry-details entry-details wpex-clr\"><div class=\"match-height-content\"><h2 class=\"portfolio-entry-title entry-title\"><a href=\"https:\/\/www.garciafaura.com\/es\/portfolio-item\/rafael-hoteles-casanova\/\" title=\"Rafael Hoteles Casanova\">Rafael Hoteles Casanova<\/a><\/h2><div class=\"portfolio-entry-categories entry-categories wpex-clr\"><a href=\"https:\/\/www.garciafaura.com\/es\/portfolio-category\/fachadas\/\" class=\"term-51\">Fachadas<\/a><\/div><\/div><\/div><\/div><\/div><div class=\"portfolio-entry vcex-grid-item entry-has-details span_1_of_3 col col-3 vcex-isotope-entry vcex-no-margin-entry post-18244 entry type-portfolio has-media cat-45 cat-51 translation_priority-6\"><div class=\"portfolio-entry-inner entry-inner wpex-clr\"><div class=\"portfolio-entry-media entry-media wpex-clr\"><a href=\"https:\/\/www.garciafaura.com\/wp-content\/uploads\/2018\/11\/Inbisa-22@-01.jpg\" title=\"Promoci\u00f3n Inbisa 22@\" class=\"portfolio-entry-media-link wpex-lightbox\"><img decoding=\"async\" data-no-lazy=\"1\" class=\"portfolio-entry-img skip-lazy\" src=\"https:\/\/www.garciafaura.com\/wp-content\/uploads\/2018\/11\/Inbisa-22@-01-x.jpg\" alt=\"Muro Cortina, Protecciones Solares De Estructura Met\u00e1lica Y Vidrios Seriagrafiados\" data-no-retina \/><\/a><\/div><div class=\"portfolio-entry-details entry-details wpex-clr\"><div class=\"match-height-content\"><h2 class=\"portfolio-entry-title entry-title\"><a href=\"https:\/\/www.garciafaura.com\/es\/portfolio-item\/promocion-inbisa-22\/\" title=\"Promoci\u00f3n Inbisa 22@\">Promoci\u00f3n Inbisa 22@<\/a><\/h2><div class=\"portfolio-entry-categories entry-categories wpex-clr\"><a href=\"https:\/\/www.garciafaura.com\/es\/portfolio-category\/edificios-corporativos\/\" class=\"term-45\">Edificios Corporativos<\/a><\/div><\/div><\/div><\/div><\/div><div class=\"portfolio-entry vcex-grid-item entry-has-details span_1_of_3 col col-1 vcex-isotope-entry vcex-no-margin-entry post-18235 entry type-portfolio has-media cat-46 cat-47 cat-51 translation_priority-6\"><div class=\"portfolio-entry-inner entry-inner wpex-clr\"><div class=\"portfolio-entry-media entry-media wpex-clr\"><a href=\"https:\/\/www.garciafaura.com\/wp-content\/uploads\/2018\/11\/Doctor-Carulla-000.jpg\" title=\"Viviendas Doctor Carulla\" class=\"portfolio-entry-media-link wpex-lightbox-gallery\" data-gallery=\"[{&quot;src&quot;:&quot;https:\\\/\\\/www.garciafaura.com\\\/wp-content\\\/uploads\\\/2018\\\/11\\\/Doctor-Carulla-01.jpg&quot;,&quot;title&quot;:&quot;Arquitectura de la fachada y conjunto de cerramientos de este moderna vivienda&quot;},{&quot;src&quot;:&quot;https:\\\/\\\/www.garciafaura.com\\\/wp-content\\\/uploads\\\/2018\\\/11\\\/Doctor-Carulla-000.jpg&quot;},{&quot;src&quot;:&quot;https:\\\/\\\/www.garciafaura.com\\\/wp-content\\\/uploads\\\/2018\\\/11\\\/Doctor-Carulla-00.jpg&quot;},{&quot;src&quot;:&quot;https:\\\/\\\/www.garciafaura.com\\\/wp-content\\\/uploads\\\/2018\\\/11\\\/Doctor-Carulla-07.jpg&quot;,&quot;title&quot;:&quot;Arquitectura de la fachada y conjunto de cerramientos de este moderna vivienda&quot;},{&quot;src&quot;:&quot;https:\\\/\\\/www.garciafaura.com\\\/wp-content\\\/uploads\\\/2018\\\/11\\\/Doctor-Carulla-06.jpg&quot;,&quot;title&quot;:&quot;Arquitectura de la fachada y conjunto de cerramientos de este moderna vivienda&quot;},{&quot;src&quot;:&quot;https:\\\/\\\/www.garciafaura.com\\\/wp-content\\\/uploads\\\/2018\\\/11\\\/Doctor-Carulla-05.jpg&quot;,&quot;title&quot;:&quot;Arquitectura de la fachada y conjunto de cerramientos de este moderna vivienda&quot;},{&quot;src&quot;:&quot;https:\\\/\\\/www.garciafaura.com\\\/wp-content\\\/uploads\\\/2018\\\/11\\\/Doctor-Carulla-04.jpg&quot;,&quot;title&quot;:&quot;Arquitectura de la fachada y conjunto de cerramientos de este moderna vivienda&quot;},{&quot;src&quot;:&quot;https:\\\/\\\/www.garciafaura.com\\\/wp-content\\\/uploads\\\/2018\\\/11\\\/Doctor-Carulla-03.jpg&quot;,&quot;title&quot;:&quot;Arquitectura de la fachada y conjunto de cerramientos de este moderna vivienda&quot;},{&quot;src&quot;:&quot;https:\\\/\\\/www.garciafaura.com\\\/wp-content\\\/uploads\\\/2018\\\/11\\\/Doctor-Carulla-02.jpg&quot;,&quot;title&quot;:&quot;Arquitectura de la fachada y conjunto de cerramientos de este moderna vivienda&quot;}]\"><img loading=\"lazy\" decoding=\"async\" data-no-lazy=\"1\" class=\"portfolio-entry-img skip-lazy\" src=\"https:\/\/www.garciafaura.com\/wp-content\/uploads\/2018\/11\/Doctor-Carulla-000-600x314.jpg\" alt='' data-no-retina width=\"600\" height=\"314\" \/><\/a><\/div><div class=\"portfolio-entry-details entry-details wpex-clr\"><div class=\"match-height-content\"><h2 class=\"portfolio-entry-title entry-title\"><a href=\"https:\/\/www.garciafaura.com\/es\/portfolio-item\/viviendas-doctor-carulla\/\" title=\"Viviendas Doctor Carulla\">Viviendas Doctor Carulla<\/a><\/h2><div class=\"portfolio-entry-categories entry-categories wpex-clr\"><a href=\"https:\/\/www.garciafaura.com\/es\/portfolio-category\/conjuntos-residenciales\/\" class=\"term-46\">Conjuntos residenciales<\/a><\/div><\/div><\/div><\/div><\/div><div class=\"portfolio-entry vcex-grid-item entry-has-details span_1_of_3 col col-2 vcex-isotope-entry vcex-no-margin-entry post-18226 entry type-portfolio has-media cat-45 cat-51 cat-118 cat-119 translation_priority-6\"><div class=\"portfolio-entry-inner entry-inner wpex-clr\"><div class=\"portfolio-entry-media entry-media wpex-clr\"><a href=\"https:\/\/www.garciafaura.com\/wp-content\/uploads\/2018\/11\/Seu-RBA-04.jpg\" title=\"Sede RBA Editores\" class=\"portfolio-entry-media-link wpex-lightbox-gallery\" data-gallery=\"[{&quot;src&quot;:&quot;https:\\\/\\\/www.garciafaura.com\\\/wp-content\\\/uploads\\\/2018\\\/11\\\/Seu-RBA-01.jpg&quot;,&quot;title&quot;:&quot;Fachada y conjunto de cerramientos interiores y exteriores de la nueva sede corporativa del grupo editorial&quot;},{&quot;src&quot;:&quot;https:\\\/\\\/www.garciafaura.com\\\/wp-content\\\/uploads\\\/2018\\\/11\\\/Seu-RBA-14.jpg&quot;,&quot;title&quot;:&quot;Fachada y conjunto de cerramientos interiores y exteriores de la nueva sede corporativa del grupo editorial&quot;},{&quot;src&quot;:&quot;https:\\\/\\\/www.garciafaura.com\\\/wp-content\\\/uploads\\\/2018\\\/11\\\/Seu-RBA-13.jpg&quot;,&quot;title&quot;:&quot;Fachada y conjunto de cerramientos interiores y exteriores de la nueva sede corporativa del grupo editorial&quot;},{&quot;src&quot;:&quot;https:\\\/\\\/www.garciafaura.com\\\/wp-content\\\/uploads\\\/2018\\\/11\\\/Seu-RBA-12.jpg&quot;,&quot;title&quot;:&quot;Fachada y conjunto de cerramientos interiores y exteriores de la nueva sede corporativa del grupo editorial&quot;},{&quot;src&quot;:&quot;https:\\\/\\\/www.garciafaura.com\\\/wp-content\\\/uploads\\\/2018\\\/11\\\/Seu-RBA-11.jpg&quot;,&quot;title&quot;:&quot;Fachada y conjunto de cerramientos interiores y exteriores de la nueva sede corporativa del grupo editorial&quot;},{&quot;src&quot;:&quot;https:\\\/\\\/www.garciafaura.com\\\/wp-content\\\/uploads\\\/2018\\\/11\\\/Seu-RBA-10.jpg&quot;,&quot;title&quot;:&quot;Fachada y conjunto de cerramientos interiores y exteriores de la nueva sede corporativa del grupo editorial&quot;},{&quot;src&quot;:&quot;https:\\\/\\\/www.garciafaura.com\\\/wp-content\\\/uploads\\\/2018\\\/11\\\/Seu-RBA-09.jpg&quot;,&quot;title&quot;:&quot;Fachada y conjunto de cerramientos interiores y exteriores de la nueva sede corporativa del grupo editorial&quot;},{&quot;src&quot;:&quot;https:\\\/\\\/www.garciafaura.com\\\/wp-content\\\/uploads\\\/2018\\\/11\\\/Seu-RBA-08.jpg&quot;,&quot;title&quot;:&quot;Fachada y conjunto de cerramientos interiores y exteriores de la nueva sede corporativa del grupo editorial&quot;},{&quot;src&quot;:&quot;https:\\\/\\\/www.garciafaura.com\\\/wp-content\\\/uploads\\\/2018\\\/11\\\/Seu-RBA-07.jpg&quot;,&quot;title&quot;:&quot;Fachada y conjunto de cerramientos interiores y exteriores de la nueva sede corporativa del grupo editorial&quot;},{&quot;src&quot;:&quot;https:\\\/\\\/www.garciafaura.com\\\/wp-content\\\/uploads\\\/2018\\\/11\\\/Seu-RBA-06.jpg&quot;,&quot;title&quot;:&quot;Fachada y conjunto de cerramientos interiores y exteriores de la nueva sede corporativa del grupo editorial&quot;},{&quot;src&quot;:&quot;https:\\\/\\\/www.garciafaura.com\\\/wp-content\\\/uploads\\\/2018\\\/11\\\/Seu-RBA-05.jpg&quot;,&quot;title&quot;:&quot;Fachada y conjunto de cerramientos interiores y exteriores de la nueva sede corporativa del grupo editorial&quot;},{&quot;src&quot;:&quot;https:\\\/\\\/www.garciafaura.com\\\/wp-content\\\/uploads\\\/2018\\\/11\\\/Seu-RBA-04.jpg&quot;,&quot;title&quot;:&quot;Fachada y conjunto de cerramientos interiores y exteriores de la nueva sede corporativa del grupo editorial&quot;},{&quot;src&quot;:&quot;https:\\\/\\\/www.garciafaura.com\\\/wp-content\\\/uploads\\\/2018\\\/11\\\/Seu-RBA-03.jpg&quot;,&quot;title&quot;:&quot;Fachada y conjunto de cerramientos interiores y exteriores de la nueva sede corporativa del grupo editorial&quot;},{&quot;src&quot;:&quot;https:\\\/\\\/www.garciafaura.com\\\/wp-content\\\/uploads\\\/2018\\\/11\\\/Seu-RBA-02.jpg&quot;,&quot;title&quot;:&quot;Fachada y conjunto de cerramientos interiores y exteriores de la nueva sede corporativa del grupo editorial&quot;}]\"><img decoding=\"async\" data-no-lazy=\"1\" class=\"portfolio-entry-img skip-lazy\" src=\"https:\/\/www.garciafaura.com\/wp-content\/uploads\/2018\/11\/Seu-RBA-04-x.jpg\" alt=\"Fachada Y Conjunto De Cerramientos Interiores Y Exteriores De La Nueva Sede Corporativa Del Grupo Editorial\" data-no-retina \/><\/a><\/div><div class=\"portfolio-entry-details entry-details wpex-clr\"><div class=\"match-height-content\"><h2 class=\"portfolio-entry-title entry-title\"><a href=\"https:\/\/www.garciafaura.com\/es\/portfolio-item\/sede-rba-editores\/\" title=\"Sede RBA Editores\">Sede RBA Editores<\/a><\/h2><div class=\"portfolio-entry-categories entry-categories wpex-clr\"><a href=\"https:\/\/www.garciafaura.com\/es\/portfolio-category\/edificios-corporativos\/\" class=\"term-45\">Edificios Corporativos<\/a><\/div><\/div><\/div><\/div><\/div><div class=\"portfolio-entry vcex-grid-item entry-has-details span_1_of_3 col col-3 vcex-isotope-entry vcex-no-margin-entry post-18220 entry type-portfolio has-media cat-45 cat-51 translation_priority-6\"><div class=\"portfolio-entry-inner entry-inner wpex-clr\"><div class=\"portfolio-entry-media entry-media wpex-clr\"><a href=\"https:\/\/www.garciafaura.com\/wp-content\/uploads\/2018\/11\/Torre-Inbisa-22@-000.jpg\" title=\"Torre Inbisa 22@\" class=\"portfolio-entry-media-link wpex-lightbox-gallery\" data-gallery=\"[{&quot;src&quot;:&quot;https:\\\/\\\/www.garciafaura.com\\\/wp-content\\\/uploads\\\/2018\\\/11\\\/Torre-Inbisa-22@-01.jpg&quot;,&quot;title&quot;:&quot;Fachadas galvanizadas de perfiler\\u00eda oculta con control solar integrado en edificio de 2 cuerpos&quot;},{&quot;src&quot;:&quot;https:\\\/\\\/www.garciafaura.com\\\/wp-content\\\/uploads\\\/2018\\\/11\\\/Torre-Inbisa-22@-000.jpg&quot;},{&quot;src&quot;:&quot;https:\\\/\\\/www.garciafaura.com\\\/wp-content\\\/uploads\\\/2018\\\/11\\\/Torre-Inbisa-22@-00.jpg&quot;},{&quot;src&quot;:&quot;https:\\\/\\\/www.garciafaura.com\\\/wp-content\\\/uploads\\\/2018\\\/11\\\/Promocio\\u0301-Inbisa-Esplugues-08.jpg&quot;,&quot;title&quot;:&quot;Instalaci\\u00f3n de muro cortina y cerramientos de aluminio en conjunto de oficinas&quot;},{&quot;src&quot;:&quot;https:\\\/\\\/www.garciafaura.com\\\/wp-content\\\/uploads\\\/2018\\\/11\\\/Promocio\\u0301-Inbisa-Esplugues-07.jpg&quot;,&quot;title&quot;:&quot;Instalaci\\u00f3n de muro cortina y cerramientos de aluminio en conjunto de oficinas&quot;},{&quot;src&quot;:&quot;https:\\\/\\\/www.garciafaura.com\\\/wp-content\\\/uploads\\\/2018\\\/11\\\/Promocio\\u0301-Inbisa-Esplugues-06.jpg&quot;,&quot;title&quot;:&quot;Instalaci\\u00f3n de muro cortina y cerramientos de aluminio en conjunto de oficinas&quot;},{&quot;src&quot;:&quot;https:\\\/\\\/www.garciafaura.com\\\/wp-content\\\/uploads\\\/2018\\\/11\\\/Promocio\\u0301-Inbisa-Esplugues-05.jpg&quot;,&quot;title&quot;:&quot;Instalaci\\u00f3n de muro cortina y cerramientos de aluminio en conjunto de oficinas&quot;},{&quot;src&quot;:&quot;https:\\\/\\\/www.garciafaura.com\\\/wp-content\\\/uploads\\\/2018\\\/11\\\/Promocio\\u0301-Inbisa-Esplugues-04.jpg&quot;,&quot;title&quot;:&quot;Instalaci\\u00f3n de muro cortina y cerramientos de aluminio en conjunto de oficinas&quot;},{&quot;src&quot;:&quot;https:\\\/\\\/www.garciafaura.com\\\/wp-content\\\/uploads\\\/2018\\\/11\\\/Promocio\\u0301-Inbisa-Esplugues-03.jpg&quot;,&quot;title&quot;:&quot;Instalaci\\u00f3n de muro cortina y cerramientos de aluminio en conjunto de oficinas&quot;},{&quot;src&quot;:&quot;https:\\\/\\\/www.garciafaura.com\\\/wp-content\\\/uploads\\\/2018\\\/11\\\/Promocio\\u0301-Inbisa-Esplugues-02.jpg&quot;,&quot;title&quot;:&quot;Instalaci\\u00f3n de muro cortina y cerramientos de aluminio en conjunto de oficinas&quot;},{&quot;src&quot;:&quot;https:\\\/\\\/www.garciafaura.com\\\/wp-content\\\/uploads\\\/2018\\\/11\\\/Promocio\\u0301-Inbisa-Esplugues-01.jpg&quot;,&quot;title&quot;:&quot;Instalaci\\u00f3n de muro cortina y cerramientos de aluminio en conjunto de oficinas&quot;},{&quot;src&quot;:&quot;https:\\\/\\\/www.garciafaura.com\\\/wp-content\\\/uploads\\\/2018\\\/11\\\/Inbisa-22@-14.jpg&quot;,&quot;title&quot;:&quot;Muro cortina, protecciones solares de estructura met\\u00e1lica y vidrios seriagrafiados&quot;},{&quot;src&quot;:&quot;https:\\\/\\\/www.garciafaura.com\\\/wp-content\\\/uploads\\\/2018\\\/11\\\/Inbisa-22@-13.jpg&quot;,&quot;title&quot;:&quot;Muro cortina, protecciones solares de estructura met\\u00e1lica y vidrios seriagrafiados&quot;},{&quot;src&quot;:&quot;https:\\\/\\\/www.garciafaura.com\\\/wp-content\\\/uploads\\\/2018\\\/11\\\/Inbisa-22@-12.jpg&quot;,&quot;title&quot;:&quot;Muro cortina, protecciones solares de estructura met\\u00e1lica y vidrios seriagrafiados&quot;},{&quot;src&quot;:&quot;https:\\\/\\\/www.garciafaura.com\\\/wp-content\\\/uploads\\\/2018\\\/11\\\/Inbisa-22@-11.jpg&quot;,&quot;title&quot;:&quot;Muro cortina, protecciones solares de estructura met\\u00e1lica y vidrios seriagrafiados&quot;},{&quot;src&quot;:&quot;https:\\\/\\\/www.garciafaura.com\\\/wp-content\\\/uploads\\\/2018\\\/11\\\/Inbisa-22@-10.jpg&quot;,&quot;title&quot;:&quot;Muro cortina, protecciones solares de estructura met\\u00e1lica y vidrios seriagrafiados&quot;},{&quot;src&quot;:&quot;https:\\\/\\\/www.garciafaura.com\\\/wp-content\\\/uploads\\\/2018\\\/11\\\/Inbisa-22@-09.jpg&quot;,&quot;title&quot;:&quot;Muro cortina, protecciones solares de estructura met\\u00e1lica y vidrios seriagrafiados&quot;},{&quot;src&quot;:&quot;https:\\\/\\\/www.garciafaura.com\\\/wp-content\\\/uploads\\\/2018\\\/11\\\/Inbisa-22@-08.jpg&quot;,&quot;title&quot;:&quot;Muro cortina, protecciones solares de estructura met\\u00e1lica y vidrios seriagrafiados&quot;},{&quot;src&quot;:&quot;https:\\\/\\\/www.garciafaura.com\\\/wp-content\\\/uploads\\\/2018\\\/11\\\/Inbisa-22@-07.jpg&quot;,&quot;title&quot;:&quot;Muro cortina, protecciones solares de estructura met\\u00e1lica y vidrios seriagrafiados&quot;},{&quot;src&quot;:&quot;https:\\\/\\\/www.garciafaura.com\\\/wp-content\\\/uploads\\\/2018\\\/11\\\/Inbisa-22@-06.jpg&quot;,&quot;title&quot;:&quot;Muro cortina, protecciones solares de estructura met\\u00e1lica y vidrios seriagrafiados&quot;},{&quot;src&quot;:&quot;https:\\\/\\\/www.garciafaura.com\\\/wp-content\\\/uploads\\\/2018\\\/11\\\/Inbisa-22@-05.jpg&quot;,&quot;title&quot;:&quot;Muro cortina, protecciones solares de estructura met\\u00e1lica y vidrios seriagrafiados&quot;},{&quot;src&quot;:&quot;https:\\\/\\\/www.garciafaura.com\\\/wp-content\\\/uploads\\\/2018\\\/11\\\/Inbisa-22@-03.jpg&quot;,&quot;title&quot;:&quot;Muro cortina, protecciones solares de estructura met\\u00e1lica y vidrios seriagrafiados&quot;},{&quot;src&quot;:&quot;https:\\\/\\\/www.garciafaura.com\\\/wp-content\\\/uploads\\\/2018\\\/11\\\/Inbisa-22@-04.jpg&quot;,&quot;title&quot;:&quot;Muro cortina, protecciones solares de estructura met\\u00e1lica y vidrios seriagrafiados&quot;},{&quot;src&quot;:&quot;https:\\\/\\\/www.garciafaura.com\\\/wp-content\\\/uploads\\\/2018\\\/11\\\/Inbisa-22@-02.jpg&quot;,&quot;title&quot;:&quot;Muro cortina, protecciones solares de estructura met\\u00e1lica y vidrios seriagrafiados&quot;},{&quot;src&quot;:&quot;https:\\\/\\\/www.garciafaura.com\\\/wp-content\\\/uploads\\\/2018\\\/11\\\/Inbisa-22@-01.jpg&quot;,&quot;title&quot;:&quot;Muro cortina, protecciones solares de estructura met\\u00e1lica y vidrios seriagrafiados&quot;},{&quot;src&quot;:&quot;https:\\\/\\\/www.garciafaura.com\\\/wp-content\\\/uploads\\\/2018\\\/11\\\/Torre-Inbisa-22@-12.jpg&quot;,&quot;title&quot;:&quot;Fachadas galvanizadas de perfiler\\u00eda oculta con control solar integrado en edificio de 2 cuerpos&quot;},{&quot;src&quot;:&quot;https:\\\/\\\/www.garciafaura.com\\\/wp-content\\\/uploads\\\/2018\\\/11\\\/Torre-Inbisa-22@-11.jpg&quot;,&quot;title&quot;:&quot;Fachadas galvanizadas de perfiler\\u00eda oculta con control solar integrado en edificio de 2 cuerpos&quot;},{&quot;src&quot;:&quot;https:\\\/\\\/www.garciafaura.com\\\/wp-content\\\/uploads\\\/2018\\\/11\\\/Torre-Inbisa-22@-10.jpg&quot;,&quot;title&quot;:&quot;Fachadas galvanizadas de perfiler\\u00eda oculta con control solar integrado en edificio de 2 cuerpos&quot;},{&quot;src&quot;:&quot;https:\\\/\\\/www.garciafaura.com\\\/wp-content\\\/uploads\\\/2018\\\/11\\\/Torre-Inbisa-22@-09.jpg&quot;,&quot;title&quot;:&quot;Fachadas galvanizadas de perfiler\\u00eda oculta con control solar integrado en edificio de 2 cuerpos&quot;},{&quot;src&quot;:&quot;https:\\\/\\\/www.garciafaura.com\\\/wp-content\\\/uploads\\\/2018\\\/11\\\/Torre-Inbisa-22@-08.jpg&quot;,&quot;title&quot;:&quot;Fachadas galvanizadas de perfiler\\u00eda oculta con control solar integrado en edificio de 2 cuerpos&quot;},{&quot;src&quot;:&quot;https:\\\/\\\/www.garciafaura.com\\\/wp-content\\\/uploads\\\/2018\\\/11\\\/Torre-Inbisa-22@-07.jpg&quot;,&quot;title&quot;:&quot;Fachadas galvanizadas de perfiler\\u00eda oculta con control solar integrado en edificio de 2 cuerpos&quot;},{&quot;src&quot;:&quot;https:\\\/\\\/www.garciafaura.com\\\/wp-content\\\/uploads\\\/2018\\\/11\\\/Torre-Inbisa-22@-06.jpg&quot;,&quot;title&quot;:&quot;Fachadas galvanizadas de perfiler\\u00eda oculta con control solar integrado en edificio de 2 cuerpos&quot;},{&quot;src&quot;:&quot;https:\\\/\\\/www.garciafaura.com\\\/wp-content\\\/uploads\\\/2018\\\/11\\\/Torre-Inbisa-22@-05.jpg&quot;,&quot;title&quot;:&quot;Fachadas galvanizadas de perfiler\\u00eda oculta con control solar integrado en edificio de 2 cuerpos&quot;},{&quot;src&quot;:&quot;https:\\\/\\\/www.garciafaura.com\\\/wp-content\\\/uploads\\\/2018\\\/11\\\/Torre-Inbisa-22@-04.jpg&quot;,&quot;title&quot;:&quot;Fachadas galvanizadas de perfiler\\u00eda oculta con control solar integrado en edificio de 2 cuerpos&quot;},{&quot;src&quot;:&quot;https:\\\/\\\/www.garciafaura.com\\\/wp-content\\\/uploads\\\/2018\\\/11\\\/Torre-Inbisa-22@-03.jpg&quot;,&quot;title&quot;:&quot;Fachadas galvanizadas de perfiler\\u00eda oculta con control solar integrado en edificio de 2 cuerpos&quot;},{&quot;src&quot;:&quot;https:\\\/\\\/www.garciafaura.com\\\/wp-content\\\/uploads\\\/2018\\\/11\\\/Torre-Inbisa-22@-02.jpg&quot;,&quot;title&quot;:&quot;Fachadas galvanizadas de perfiler\\u00eda oculta con control solar integrado en edificio de 2 cuerpos&quot;}]\"><img loading=\"lazy\" decoding=\"async\" data-no-lazy=\"1\" class=\"portfolio-entry-img skip-lazy\" src=\"https:\/\/www.garciafaura.com\/wp-content\/uploads\/2018\/11\/Torre-Inbisa-22@-000-600x314.jpg\" alt='' data-no-retina width=\"600\" height=\"314\" \/><\/a><\/div><div class=\"portfolio-entry-details entry-details wpex-clr\"><div class=\"match-height-content\"><h2 class=\"portfolio-entry-title entry-title\"><a href=\"https:\/\/www.garciafaura.com\/es\/portfolio-item\/torre-inbisa-22\/\" title=\"Torre Inbisa 22@\">Torre Inbisa 22@<\/a><\/h2><div class=\"portfolio-entry-categories entry-categories wpex-clr\"><a href=\"https:\/\/www.garciafaura.com\/es\/portfolio-category\/edificios-corporativos\/\" class=\"term-45\">Edificios Corporativos<\/a><\/div><\/div><\/div><\/div><\/div><div class=\"portfolio-entry vcex-grid-item entry-has-details span_1_of_3 col col-1 vcex-isotope-entry vcex-no-margin-entry post-18217 entry type-portfolio has-media cat-51 cat-53 translation_priority-6\"><div class=\"portfolio-entry-inner entry-inner wpex-clr\"><div class=\"portfolio-entry-media entry-media wpex-clr\"><a href=\"https:\/\/www.garciafaura.com\/wp-content\/uploads\/2018\/11\/Hotel-Ca\u0300nem-22@-05.jpg\" title=\"Hotel C\u00e0nem 22@\" class=\"portfolio-entry-media-link wpex-lightbox-gallery\" data-gallery=\"[{&quot;src&quot;:&quot;https:\\\/\\\/www.garciafaura.com\\\/wp-content\\\/uploads\\\/2018\\\/11\\\/Hotel-Ca\\u0300nem-22@-01.jpg&quot;,&quot;title&quot;:&quot;Muro cortina del edificio hotelero de nueva construcci\\u00f3n adyacente a la antigua f\\u00e0brica C\\u00e0nem&quot;},{&quot;src&quot;:&quot;https:\\\/\\\/www.garciafaura.com\\\/wp-content\\\/uploads\\\/2018\\\/11\\\/Hotel-Ca\\u0300nem-22@-05.jpg&quot;,&quot;title&quot;:&quot;Muro cortina del edificio hotelero de nueva construcci\\u00f3n adyacente a la antigua f\\u00e0brica C\\u00e0nem&quot;},{&quot;src&quot;:&quot;https:\\\/\\\/www.garciafaura.com\\\/wp-content\\\/uploads\\\/2018\\\/11\\\/Hotel-Ca\\u0300nem-22@-04.jpg&quot;,&quot;title&quot;:&quot;Muro cortina del edificio hotelero de nueva construcci\\u00f3n adyacente a la antigua f\\u00e0brica C\\u00e0nem&quot;},{&quot;src&quot;:&quot;https:\\\/\\\/www.garciafaura.com\\\/wp-content\\\/uploads\\\/2018\\\/11\\\/Hotel-Ca\\u0300nem-22@-03.jpg&quot;,&quot;title&quot;:&quot;Muro cortina del edificio hotelero de nueva construcci\\u00f3n adyacente a la antigua f\\u00e0brica C\\u00e0nem&quot;},{&quot;src&quot;:&quot;https:\\\/\\\/www.garciafaura.com\\\/wp-content\\\/uploads\\\/2018\\\/11\\\/Hotel-Ca\\u0300nem-22@-02.jpg&quot;,&quot;title&quot;:&quot;Muro cortina del edificio hotelero de nueva construcci\\u00f3n adyacente a la antigua f\\u00e0brica C\\u00e0nem&quot;}]\"><img decoding=\"async\" data-no-lazy=\"1\" class=\"portfolio-entry-img skip-lazy\" src=\"https:\/\/www.garciafaura.com\/wp-content\/uploads\/2018\/11\/Hotel-Ca\u0300nem-22@-05-x.jpg\" alt=\"Muro Cortina Del Edificio Hotelero De Nueva Construcci\u00f3n Adyacente A La Antigua F\u00e0brica C\u00e0nem\" data-no-retina \/><\/a><\/div><div class=\"portfolio-entry-details entry-details wpex-clr\"><div class=\"match-height-content\"><h2 class=\"portfolio-entry-title entry-title\"><a href=\"https:\/\/www.garciafaura.com\/es\/portfolio-item\/hotel-canem-22\/\" title=\"Hotel C\u00e0nem 22@\">Hotel C\u00e0nem 22@<\/a><\/h2><div class=\"portfolio-entry-categories entry-categories wpex-clr\"><a href=\"https:\/\/www.garciafaura.com\/es\/portfolio-category\/fachadas\/\" class=\"term-51\">Fachadas<\/a><\/div><\/div><\/div><\/div><\/div><div class=\"portfolio-entry vcex-grid-item entry-has-details span_1_of_3 col col-2 vcex-isotope-entry vcex-no-margin-entry post-18199 entry type-portfolio has-media cat-45 cat-51 translation_priority-6\"><div class=\"portfolio-entry-inner entry-inner wpex-clr\"><div class=\"portfolio-entry-media entry-media wpex-clr\"><a href=\"https:\/\/www.garciafaura.com\/wp-content\/uploads\/2018\/11\/Oficines-Oryzon-Cornella\u0300-02.jpg\" title=\"Oficinas Oryzon\" class=\"portfolio-entry-media-link wpex-lightbox-gallery\" data-gallery=\"[{&quot;src&quot;:&quot;https:\\\/\\\/www.garciafaura.com\\\/wp-content\\\/uploads\\\/2018\\\/11\\\/Oficines-Oryzon-Cornella\\u0300-01.jpg&quot;,&quot;title&quot;:&quot;Muro cortina curvado de Oryzon en Cornell\\u00e0 de Llobregat&quot;},{&quot;src&quot;:&quot;https:\\\/\\\/www.garciafaura.com\\\/wp-content\\\/uploads\\\/2018\\\/11\\\/Oficines-Oryzon-Cornella\\u0300-05.jpg&quot;,&quot;title&quot;:&quot;Muro cortina curvado de Oryzon en Cornell\\u00e0 de Llobregat&quot;},{&quot;src&quot;:&quot;https:\\\/\\\/www.garciafaura.com\\\/wp-content\\\/uploads\\\/2018\\\/11\\\/Oficines-Oryzon-Cornella\\u0300-04.jpg&quot;,&quot;title&quot;:&quot;Muro cortina curvado de Oryzon en Cornell\\u00e0 de Llobregat&quot;},{&quot;src&quot;:&quot;https:\\\/\\\/www.garciafaura.com\\\/wp-content\\\/uploads\\\/2018\\\/11\\\/Oficines-Oryzon-Cornella\\u0300-03.jpg&quot;,&quot;title&quot;:&quot;Muro cortina curvado de Oryzon en Cornell\\u00e0 de Llobregat&quot;},{&quot;src&quot;:&quot;https:\\\/\\\/www.garciafaura.com\\\/wp-content\\\/uploads\\\/2018\\\/11\\\/Oficines-Oryzon-Cornella\\u0300-02.jpg&quot;,&quot;title&quot;:&quot;Muro cortina curvado de Oryzon en Cornell\\u00e0 de Llobregat&quot;}]\"><img loading=\"lazy\" decoding=\"async\" data-no-lazy=\"1\" class=\"portfolio-entry-img skip-lazy\" src=\"https:\/\/www.garciafaura.com\/wp-content\/uploads\/2018\/11\/Oficines-Oryzon-Cornella\u0300-02-600x314.jpg\" alt=\"Muro Cortina Curvado De Oryzon En Cornell\u00e0 De Llobregat\" data-no-retina width=\"600\" height=\"314\" \/><\/a><\/div><div class=\"portfolio-entry-details entry-details wpex-clr\"><div class=\"match-height-content\"><h2 class=\"portfolio-entry-title entry-title\"><a href=\"https:\/\/www.garciafaura.com\/es\/portfolio-item\/oficinas-oryzon\/\" title=\"Oficinas Oryzon\">Oficinas Oryzon<\/a><\/h2><div class=\"portfolio-entry-categories entry-categories wpex-clr\"><a href=\"https:\/\/www.garciafaura.com\/es\/portfolio-category\/edificios-corporativos\/\" class=\"term-45\">Edificios Corporativos<\/a><\/div><\/div><\/div><\/div><\/div><div class=\"portfolio-entry vcex-grid-item entry-has-details span_1_of_3 col col-3 vcex-isotope-entry vcex-no-margin-entry post-18193 entry type-portfolio has-media cat-45 cat-51 translation_priority-6\"><div class=\"portfolio-entry-inner entry-inner wpex-clr\"><div class=\"portfolio-entry-media entry-media wpex-clr\"><a href=\"https:\/\/www.garciafaura.com\/wp-content\/uploads\/2018\/11\/Edifici-Industrial-Gava\u0300-01.jpg\" title=\"Edificio industrial\" class=\"portfolio-entry-media-link wpex-lightbox-gallery\" data-gallery=\"[{&quot;src&quot;:&quot;https:\\\/\\\/www.garciafaura.com\\\/wp-content\\\/uploads\\\/2018\\\/11\\\/Edifici-Industrial-Gava\\u0300-01.jpg&quot;,&quot;title&quot;:&quot;Muro cortina y cerramientos exteriores de esta nave industrial de Gav\\u00e0&quot;},{&quot;src&quot;:&quot;https:\\\/\\\/www.garciafaura.com\\\/wp-content\\\/uploads\\\/2018\\\/11\\\/Edifici-Industrial-Gava\\u0300-05.jpg&quot;,&quot;title&quot;:&quot;Muro cortina y cerramientos exteriores de esta nave industrial de Gav\\u00e0&quot;},{&quot;src&quot;:&quot;https:\\\/\\\/www.garciafaura.com\\\/wp-content\\\/uploads\\\/2018\\\/11\\\/Edifici-Industrial-Gava\\u0300-04.jpg&quot;,&quot;title&quot;:&quot;Muro cortina y cerramientos exteriores de esta nave industrial de Gav\\u00e0&quot;},{&quot;src&quot;:&quot;https:\\\/\\\/www.garciafaura.com\\\/wp-content\\\/uploads\\\/2018\\\/11\\\/Edifici-Industrial-Gava\\u0300-03.jpg&quot;,&quot;title&quot;:&quot;Muro cortina y cerramientos exteriores de esta nave industrial de Gav\\u00e0&quot;},{&quot;src&quot;:&quot;https:\\\/\\\/www.garciafaura.com\\\/wp-content\\\/uploads\\\/2018\\\/11\\\/Edifici-Industrial-Gava\\u0300-02.jpg&quot;,&quot;title&quot;:&quot;Muro cortina y cerramientos exteriores de esta nave industrial de Gav\\u00e0&quot;}]\"><img loading=\"lazy\" decoding=\"async\" data-no-lazy=\"1\" class=\"portfolio-entry-img skip-lazy\" src=\"https:\/\/www.garciafaura.com\/wp-content\/uploads\/2018\/11\/Edifici-Industrial-Gava\u0300-01-600x314.jpg\" alt=\"Muro Cortina Y Cerramientos Exteriores De Esta Nave Industrial De Gav\u00e0\" data-no-retina width=\"600\" height=\"314\" \/><\/a><\/div><div class=\"portfolio-entry-details entry-details wpex-clr\"><div class=\"match-height-content\"><h2 class=\"portfolio-entry-title entry-title\"><a href=\"https:\/\/www.garciafaura.com\/es\/portfolio-item\/edificio-industrial\/\" title=\"Edificio industrial\">Edificio industrial<\/a><\/h2><div class=\"portfolio-entry-categories entry-categories wpex-clr\"><a href=\"https:\/\/www.garciafaura.com\/es\/portfolio-category\/edificios-corporativos\/\" class=\"term-45\">Edificios Corporativos<\/a><\/div><\/div><\/div><\/div><\/div><div class=\"portfolio-entry vcex-grid-item entry-has-details span_1_of_3 col col-1 vcex-isotope-entry vcex-no-margin-entry post-18190 entry type-portfolio has-media cat-45 cat-51 translation_priority-6\"><div class=\"portfolio-entry-inner entry-inner wpex-clr\"><div class=\"portfolio-entry-media entry-media wpex-clr\"><a href=\"https:\/\/www.garciafaura.com\/wp-content\/uploads\/2018\/11\/Edifici-Cobra-Cornella\u0300-03.jpg\" title=\"Edificio Cobra\" class=\"portfolio-entry-media-link wpex-lightbox-gallery\" data-gallery=\"[{&quot;src&quot;:&quot;https:\\\/\\\/www.garciafaura.com\\\/wp-content\\\/uploads\\\/2018\\\/11\\\/Edifici-Cobra-Cornella\\u0300-01.jpg&quot;,&quot;title&quot;:&quot;Instalaci\\u00f3n de muro cortina y cerramientos de aluminio en conjunto de oficinas&quot;},{&quot;src&quot;:&quot;https:\\\/\\\/www.garciafaura.com\\\/wp-content\\\/uploads\\\/2018\\\/11\\\/Edifici-Cobra-Cornella\\u0300-05.jpg&quot;,&quot;title&quot;:&quot;Instalaci\\u00f3n de muro cortina y cerramientos de aluminio en conjunto de oficinas&quot;},{&quot;src&quot;:&quot;https:\\\/\\\/www.garciafaura.com\\\/wp-content\\\/uploads\\\/2018\\\/11\\\/Edifici-Cobra-Cornella\\u0300-04.jpg&quot;,&quot;title&quot;:&quot;Instalaci\\u00f3n de muro cortina y cerramientos de aluminio en conjunto de oficinas&quot;},{&quot;src&quot;:&quot;https:\\\/\\\/www.garciafaura.com\\\/wp-content\\\/uploads\\\/2018\\\/11\\\/Edifici-Cobra-Cornella\\u0300-03.jpg&quot;,&quot;title&quot;:&quot;Instalaci\\u00f3n de muro cortina y cerramientos de aluminio en conjunto de oficinas&quot;},{&quot;src&quot;:&quot;https:\\\/\\\/www.garciafaura.com\\\/wp-content\\\/uploads\\\/2018\\\/11\\\/Edifici-Cobra-Cornella\\u0300-02.jpg&quot;,&quot;title&quot;:&quot;Instalaci\\u00f3n de muro cortina y cerramientos de aluminio en conjunto de oficinas&quot;}]\"><img loading=\"lazy\" decoding=\"async\" data-no-lazy=\"1\" class=\"portfolio-entry-img skip-lazy\" src=\"https:\/\/www.garciafaura.com\/wp-content\/uploads\/2018\/11\/Edifici-Cobra-Cornella\u0300-03-600x314.jpg\" alt=\"Instalaci\u00f3n De Muro Cortina Y Cerramientos De Aluminio En Conjunto De Oficinas\" data-no-retina width=\"600\" height=\"314\" \/><\/a><\/div><div class=\"portfolio-entry-details entry-details wpex-clr\"><div class=\"match-height-content\"><h2 class=\"portfolio-entry-title entry-title\"><a href=\"https:\/\/www.garciafaura.com\/es\/portfolio-item\/edificio-cobra\/\" title=\"Edificio Cobra\">Edificio Cobra<\/a><\/h2><div class=\"portfolio-entry-categories entry-categories wpex-clr\"><a href=\"https:\/\/www.garciafaura.com\/es\/portfolio-category\/edificios-corporativos\/\" class=\"term-45\">Edificios Corporativos<\/a><\/div><\/div><\/div><\/div><\/div><div class=\"portfolio-entry vcex-grid-item entry-has-details span_1_of_3 col col-2 vcex-isotope-entry vcex-no-margin-entry post-18187 entry type-portfolio has-media cat-49 cat-51 translation_priority-6\"><div class=\"portfolio-entry-inner entry-inner wpex-clr\"><div class=\"portfolio-entry-media entry-media wpex-clr\"><a href=\"https:\/\/www.garciafaura.com\/wp-content\/uploads\/2018\/11\/Ampliacio\u0301-Fira-Barcelona-01.jpg\" title=\"Ampliaci\u00f3n Fira de Barcelona\" class=\"portfolio-entry-media-link wpex-lightbox-gallery\" data-gallery=\"[{&quot;src&quot;:&quot;https:\\\/\\\/www.garciafaura.com\\\/wp-content\\\/uploads\\\/2018\\\/11\\\/Ampliacio\\u0301-Fira-Barcelona-01.jpg&quot;,&quot;title&quot;:&quot;Fachada org\\u00e1nica de muro cortina que trata cada cerramiento de forma individual&quot;},{&quot;src&quot;:&quot;https:\\\/\\\/www.garciafaura.com\\\/wp-content\\\/uploads\\\/2018\\\/11\\\/Ampliacio\\u0301-Fira-Barcelona-13.jpg&quot;,&quot;title&quot;:&quot;Fachada org\\u00e1nica de muro cortina que trata cada cerramiento de forma individual&quot;},{&quot;src&quot;:&quot;https:\\\/\\\/www.garciafaura.com\\\/wp-content\\\/uploads\\\/2018\\\/11\\\/Ampliacio\\u0301-Fira-Barcelona-12.jpg&quot;,&quot;title&quot;:&quot;Fachada org\\u00e1nica de muro cortina que trata cada cerramiento de forma individual&quot;},{&quot;src&quot;:&quot;https:\\\/\\\/www.garciafaura.com\\\/wp-content\\\/uploads\\\/2018\\\/11\\\/Ampliacio\\u0301-Fira-Barcelona-11.jpg&quot;,&quot;title&quot;:&quot;Fachada org\\u00e1nica de muro cortina que trata cada cerramiento de forma individual&quot;},{&quot;src&quot;:&quot;https:\\\/\\\/www.garciafaura.com\\\/wp-content\\\/uploads\\\/2018\\\/11\\\/Ampliacio\\u0301-Fira-Barcelona-10.jpg&quot;,&quot;title&quot;:&quot;Fachada org\\u00e1nica de muro cortina que trata cada cerramiento de forma individual&quot;},{&quot;src&quot;:&quot;https:\\\/\\\/www.garciafaura.com\\\/wp-content\\\/uploads\\\/2018\\\/11\\\/Ampliacio\\u0301-Fira-Barcelona-09.jpg&quot;,&quot;title&quot;:&quot;Fachada org\\u00e1nica de muro cortina que trata cada cerramiento de forma individual&quot;},{&quot;src&quot;:&quot;https:\\\/\\\/www.garciafaura.com\\\/wp-content\\\/uploads\\\/2018\\\/11\\\/Ampliacio\\u0301-Fira-Barcelona-08.jpg&quot;,&quot;title&quot;:&quot;Fachada org\\u00e1nica de muro cortina que trata cada cerramiento de forma individual&quot;},{&quot;src&quot;:&quot;https:\\\/\\\/www.garciafaura.com\\\/wp-content\\\/uploads\\\/2018\\\/11\\\/Ampliacio\\u0301-Fira-Barcelona-07.jpg&quot;,&quot;title&quot;:&quot;Fachada org\\u00e1nica de muro cortina que trata cada cerramiento de forma individual&quot;},{&quot;src&quot;:&quot;https:\\\/\\\/www.garciafaura.com\\\/wp-content\\\/uploads\\\/2018\\\/11\\\/Ampliacio\\u0301-Fira-Barcelona-06.jpg&quot;,&quot;title&quot;:&quot;Fachada org\\u00e1nica de muro cortina que trata cada cerramiento de forma individual&quot;},{&quot;src&quot;:&quot;https:\\\/\\\/www.garciafaura.com\\\/wp-content\\\/uploads\\\/2018\\\/11\\\/Ampliacio\\u0301-Fira-Barcelona-05.jpg&quot;,&quot;title&quot;:&quot;Fachada org\\u00e1nica de muro cortina que trata cada cerramiento de forma individual&quot;},{&quot;src&quot;:&quot;https:\\\/\\\/www.garciafaura.com\\\/wp-content\\\/uploads\\\/2018\\\/11\\\/Ampliacio\\u0301-Fira-Barcelona-04.jpg&quot;,&quot;title&quot;:&quot;Fachada org\\u00e1nica de muro cortina que trata cada cerramiento de forma individual&quot;},{&quot;src&quot;:&quot;https:\\\/\\\/www.garciafaura.com\\\/wp-content\\\/uploads\\\/2018\\\/11\\\/Ampliacio\\u0301-Fira-Barcelona-03.jpg&quot;,&quot;title&quot;:&quot;Fachada org\\u00e1nica de muro cortina que trata cada cerramiento de forma individual&quot;},{&quot;src&quot;:&quot;https:\\\/\\\/www.garciafaura.com\\\/wp-content\\\/uploads\\\/2018\\\/11\\\/Ampliacio\\u0301-Fira-Barcelona-02.jpg&quot;,&quot;title&quot;:&quot;Fachada org\\u00e1nica de muro cortina que trata cada cerramiento de forma individual&quot;}]\"><img decoding=\"async\" data-no-lazy=\"1\" class=\"portfolio-entry-img skip-lazy\" src=\"https:\/\/www.garciafaura.com\/wp-content\/uploads\/2018\/11\/Ampliacio\u0301-Fira-Barcelona-01-x.jpg\" alt=\"Fachada Org\u00e1nica De Muro Cortina Que Trata Cada Cerramiento De Forma Individual\" data-no-retina \/><\/a><\/div><div class=\"portfolio-entry-details entry-details wpex-clr\"><div class=\"match-height-content\"><h2 class=\"portfolio-entry-title entry-title\"><a href=\"https:\/\/www.garciafaura.com\/es\/portfolio-item\/ampliacion-fira-de-barcelona\/\" title=\"Ampliaci\u00f3n Fira de Barcelona\">Ampliaci\u00f3n Fira de Barcelona<\/a><\/h2><div class=\"portfolio-entry-categories entry-categories wpex-clr\"><a href=\"https:\/\/www.garciafaura.com\/es\/portfolio-category\/edificios-de-servicios\/\" class=\"term-49\">Edificios de Servicios<\/a><\/div><\/div><\/div><\/div><\/div><div class=\"portfolio-entry vcex-grid-item entry-has-details span_1_of_3 col col-3 vcex-isotope-entry vcex-no-margin-entry post-18156 entry type-portfolio has-media cat-49 cat-51 translation_priority-6\"><div class=\"portfolio-entry-inner entry-inner wpex-clr\"><div class=\"portfolio-entry-media entry-media wpex-clr\"><a href=\"https:\/\/www.garciafaura.com\/wp-content\/uploads\/2018\/11\/Biblioteca-Blanquerna-11.jpg\" title=\"Biblioteca Blanquerna\" class=\"portfolio-entry-media-link wpex-lightbox-gallery\" data-gallery=\"[{&quot;src&quot;:&quot;https:\\\/\\\/www.garciafaura.com\\\/wp-content\\\/uploads\\\/2018\\\/11\\\/Biblioteca-Blanquerna-01.jpg&quot;,&quot;title&quot;:&quot;Muro cortina y accesos de la nueva Biblioteca de Comunicaci\\u00f3n de la URL&quot;},{&quot;src&quot;:&quot;https:\\\/\\\/www.garciafaura.com\\\/wp-content\\\/uploads\\\/2018\\\/11\\\/Biblioteca-Blanquerna-11.jpg&quot;,&quot;title&quot;:&quot;Muro cortina y accesos de la nueva Biblioteca de Comunicaci\\u00f3n de la URL&quot;},{&quot;src&quot;:&quot;https:\\\/\\\/www.garciafaura.com\\\/wp-content\\\/uploads\\\/2018\\\/11\\\/Biblioteca-Blanquerna-10.jpg&quot;,&quot;title&quot;:&quot;Muro cortina y accesos de la nueva Biblioteca de Comunicaci\\u00f3n de la URL&quot;},{&quot;src&quot;:&quot;https:\\\/\\\/www.garciafaura.com\\\/wp-content\\\/uploads\\\/2018\\\/11\\\/Biblioteca-Blanquerna-09.jpg&quot;,&quot;title&quot;:&quot;Muro cortina y accesos de la nueva Biblioteca de Comunicaci\\u00f3n de la URL&quot;},{&quot;src&quot;:&quot;https:\\\/\\\/www.garciafaura.com\\\/wp-content\\\/uploads\\\/2018\\\/11\\\/Biblioteca-Blanquerna-08.jpg&quot;,&quot;title&quot;:&quot;Muro cortina y accesos de la nueva Biblioteca de Comunicaci\\u00f3n de la URL&quot;},{&quot;src&quot;:&quot;https:\\\/\\\/www.garciafaura.com\\\/wp-content\\\/uploads\\\/2018\\\/11\\\/Biblioteca-Blanquerna-07.jpg&quot;,&quot;title&quot;:&quot;Muro cortina y accesos de la nueva Biblioteca de Comunicaci\\u00f3n de la URL&quot;},{&quot;src&quot;:&quot;https:\\\/\\\/www.garciafaura.com\\\/wp-content\\\/uploads\\\/2018\\\/11\\\/Biblioteca-Blanquerna-06.jpg&quot;,&quot;title&quot;:&quot;Muro cortina y accesos de la nueva Biblioteca de Comunicaci\\u00f3n de la URL&quot;},{&quot;src&quot;:&quot;https:\\\/\\\/www.garciafaura.com\\\/wp-content\\\/uploads\\\/2018\\\/11\\\/Biblioteca-Blanquerna-05.jpg&quot;,&quot;title&quot;:&quot;Muro cortina y accesos de la nueva Biblioteca de Comunicaci\\u00f3n de la URL&quot;},{&quot;src&quot;:&quot;https:\\\/\\\/www.garciafaura.com\\\/wp-content\\\/uploads\\\/2018\\\/11\\\/Biblioteca-Blanquerna-04.jpg&quot;,&quot;title&quot;:&quot;Muro cortina y accesos de la nueva Biblioteca de Comunicaci\\u00f3n de la URL&quot;},{&quot;src&quot;:&quot;https:\\\/\\\/www.garciafaura.com\\\/wp-content\\\/uploads\\\/2018\\\/11\\\/Biblioteca-Blanquerna-03.jpg&quot;,&quot;title&quot;:&quot;Muro cortina y accesos de la nueva Biblioteca de Comunicaci\\u00f3n de la URL&quot;},{&quot;src&quot;:&quot;https:\\\/\\\/www.garciafaura.com\\\/wp-content\\\/uploads\\\/2018\\\/11\\\/Biblioteca-Blanquerna-02.jpg&quot;,&quot;title&quot;:&quot;Muro cortina y accesos de la nueva Biblioteca de Comunicaci\\u00f3n de la URL&quot;}]\"><img decoding=\"async\" data-no-lazy=\"1\" class=\"portfolio-entry-img skip-lazy\" src=\"https:\/\/www.garciafaura.com\/wp-content\/uploads\/2018\/11\/Biblioteca-Blanquerna-11-x.jpg\" alt=\"Muro Cortina Y Accesos De La Nueva Biblioteca De Comunicaci\u00f3n De La URL\" data-no-retina \/><\/a><\/div><div class=\"portfolio-entry-details entry-details wpex-clr\"><div class=\"match-height-content\"><h2 class=\"portfolio-entry-title entry-title\"><a href=\"https:\/\/www.garciafaura.com\/es\/portfolio-item\/biblioteca-blanquerna\/\" title=\"Biblioteca Blanquerna\">Biblioteca Blanquerna<\/a><\/h2><div class=\"portfolio-entry-categories entry-categories wpex-clr\"><a href=\"https:\/\/www.garciafaura.com\/es\/portfolio-category\/edificios-de-servicios\/\" class=\"term-49\">Edificios de Servicios<\/a><\/div><\/div><\/div><\/div><\/div><div class=\"portfolio-entry vcex-grid-item entry-has-details span_1_of_3 col col-1 vcex-isotope-entry vcex-no-margin-entry post-18125 entry type-portfolio has-media cat-45 cat-51 cat-52 translation_priority-6\"><div class=\"portfolio-entry-inner entry-inner wpex-clr\"><div class=\"portfolio-entry-media entry-media wpex-clr\"><a href=\"https:\/\/www.garciafaura.com\/wp-content\/uploads\/2018\/11\/Seu-Eninter-01.jpg\" title=\"Sede Eninter\" class=\"portfolio-entry-media-link wpex-lightbox-gallery\" data-gallery=\"[{&quot;src&quot;:&quot;https:\\\/\\\/www.garciafaura.com\\\/wp-content\\\/uploads\\\/2018\\\/11\\\/Seu-Eninter-01.jpg&quot;,&quot;title&quot;:&quot;Arquitectura exterior y cerramientos de Eninter en Cornell\\u00e0 de Llobregat&quot;},{&quot;src&quot;:&quot;https:\\\/\\\/www.garciafaura.com\\\/wp-content\\\/uploads\\\/2018\\\/11\\\/Seu-Eninter-03.jpg&quot;,&quot;title&quot;:&quot;Arquitectura exterior y cerramientos de Eninter en Cornell\\u00e0 de Llobregat&quot;},{&quot;src&quot;:&quot;https:\\\/\\\/www.garciafaura.com\\\/wp-content\\\/uploads\\\/2018\\\/11\\\/Seu-Eninter-02.jpg&quot;,&quot;title&quot;:&quot;Arquitectura exterior y cerramientos de Eninter en Cornell\\u00e0 de Llobregat&quot;}]\"><img loading=\"lazy\" decoding=\"async\" data-no-lazy=\"1\" class=\"portfolio-entry-img skip-lazy\" src=\"https:\/\/www.garciafaura.com\/wp-content\/uploads\/2018\/11\/Seu-Eninter-01-600x314.jpg\" alt=\"Arquitectura Exterior Y Cerramientos De Eninter En Cornell\u00e0 De Llobregat\" data-no-retina width=\"600\" height=\"314\" \/><\/a><\/div><div class=\"portfolio-entry-details entry-details wpex-clr\"><div class=\"match-height-content\"><h2 class=\"portfolio-entry-title entry-title\"><a href=\"https:\/\/www.garciafaura.com\/es\/portfolio-item\/sede-eninter\/\" title=\"Sede Eninter\">Sede Eninter<\/a><\/h2><div class=\"portfolio-entry-categories entry-categories wpex-clr\"><a href=\"https:\/\/www.garciafaura.com\/es\/portfolio-category\/edificios-corporativos\/\" class=\"term-45\">Edificios Corporativos<\/a><\/div><\/div><\/div><\/div><\/div><div class=\"portfolio-entry vcex-grid-item entry-has-details span_1_of_3 col col-2 vcex-isotope-entry vcex-no-margin-entry post-18119 entry type-portfolio has-media cat-49 cat-51 translation_priority-6\"><div class=\"portfolio-entry-inner entry-inner wpex-clr\"><div class=\"portfolio-entry-media entry-media wpex-clr\"><a href=\"https:\/\/www.garciafaura.com\/wp-content\/uploads\/2018\/11\/Audie\u0300ncia-Provincial-Saragossa-02.jpg\" title=\"Audiencia Provincial de Zaragoza\" class=\"portfolio-entry-media-link wpex-lightbox-gallery\" data-gallery=\"[{&quot;src&quot;:&quot;https:\\\/\\\/www.garciafaura.com\\\/wp-content\\\/uploads\\\/2018\\\/11\\\/Audie\\u0300ncia-Provincial-Saragossa-01.jpg&quot;,&quot;title&quot;:&quot;1.155 m2 de cerramientos y muro cortina en Zaragoza&quot;},{&quot;src&quot;:&quot;https:\\\/\\\/www.garciafaura.com\\\/wp-content\\\/uploads\\\/2018\\\/11\\\/Audie\\u0300ncia-Provincial-Saragossa-07.jpg&quot;,&quot;title&quot;:&quot;1.155 m2 de cerramientos y muro cortina en Zaragoza&quot;},{&quot;src&quot;:&quot;https:\\\/\\\/www.garciafaura.com\\\/wp-content\\\/uploads\\\/2018\\\/11\\\/Audie\\u0300ncia-Provincial-Saragossa-06.jpg&quot;,&quot;title&quot;:&quot;1.155 m2 de cerramientos y muro cortina en Zaragoza&quot;},{&quot;src&quot;:&quot;https:\\\/\\\/www.garciafaura.com\\\/wp-content\\\/uploads\\\/2018\\\/11\\\/Audie\\u0300ncia-Provincial-Saragossa-05.jpg&quot;,&quot;title&quot;:&quot;1.155 m2 de cerramientos y muro cortina en Zaragoza&quot;},{&quot;src&quot;:&quot;https:\\\/\\\/www.garciafaura.com\\\/wp-content\\\/uploads\\\/2018\\\/11\\\/Audie\\u0300ncia-Provincial-Saragossa-04.jpg&quot;,&quot;title&quot;:&quot;1.155 m2 de cerramientos y muro cortina en Zaragoza&quot;},{&quot;src&quot;:&quot;https:\\\/\\\/www.garciafaura.com\\\/wp-content\\\/uploads\\\/2018\\\/11\\\/Audie\\u0300ncia-Provincial-Saragossa-03.jpg&quot;,&quot;title&quot;:&quot;1.155 m2 de cerramientos y muro cortina en Zaragoza&quot;},{&quot;src&quot;:&quot;https:\\\/\\\/www.garciafaura.com\\\/wp-content\\\/uploads\\\/2018\\\/11\\\/Audie\\u0300ncia-Provincial-Saragossa-02.jpg&quot;,&quot;title&quot;:&quot;1.155 m2 de cerramientos y muro cortina en Zaragoza&quot;}]\"><img loading=\"lazy\" decoding=\"async\" data-no-lazy=\"1\" class=\"portfolio-entry-img skip-lazy\" src=\"https:\/\/www.garciafaura.com\/wp-content\/uploads\/2018\/11\/Audie\u0300ncia-Provincial-Saragossa-02.jpg\" alt=\"1.155 M2 De Cerramientos Y Muro Cortina En Zaragoza\" data-no-retina width=\"553\" height=\"289\" \/><\/a><\/div><div class=\"portfolio-entry-details entry-details wpex-clr\"><div class=\"match-height-content\"><h2 class=\"portfolio-entry-title entry-title\"><a href=\"https:\/\/www.garciafaura.com\/es\/portfolio-item\/audiencia-provincial-de-zaragoza\/\" title=\"Audiencia Provincial de Zaragoza\">Audiencia Provincial de Zaragoza<\/a><\/h2><div class=\"portfolio-entry-categories entry-categories wpex-clr\"><a href=\"https:\/\/www.garciafaura.com\/es\/portfolio-category\/edificios-de-servicios\/\" class=\"term-49\">Edificios de Servicios<\/a><\/div><\/div><\/div><\/div><\/div><div class=\"portfolio-entry vcex-grid-item entry-has-details span_1_of_3 col col-3 vcex-isotope-entry vcex-no-margin-entry post-18116 entry type-portfolio has-media cat-45 cat-51 translation_priority-6\"><div class=\"portfolio-entry-inner entry-inner wpex-clr\"><div class=\"portfolio-entry-media entry-media wpex-clr\"><a href=\"https:\/\/www.garciafaura.com\/wp-content\/uploads\/2018\/11\/Oficines-Palau-Blaugrana-01.jpg\" title=\"Oficinas Palau Blaugrana\" class=\"portfolio-entry-media-link wpex-lightbox-gallery\" data-gallery=\"[{&quot;src&quot;:&quot;https:\\\/\\\/www.garciafaura.com\\\/wp-content\\\/uploads\\\/2018\\\/11\\\/Oficines-Palau-Blaugrana-01.jpg&quot;,&quot;title&quot;:&quot;Nuevos servicios en las instalaciones del FC Barcelona&quot;},{&quot;src&quot;:&quot;https:\\\/\\\/www.garciafaura.com\\\/wp-content\\\/uploads\\\/2018\\\/11\\\/Oficines-Palau-Blaugrana-03.jpg&quot;,&quot;title&quot;:&quot;Nuevos servicios en las instalaciones del FC Barcelona&quot;},{&quot;src&quot;:&quot;https:\\\/\\\/www.garciafaura.com\\\/wp-content\\\/uploads\\\/2018\\\/11\\\/Oficines-Palau-Blaugrana-02.jpg&quot;,&quot;title&quot;:&quot;Nuevos servicios en las instalaciones del FC Barcelona&quot;}]\"><img decoding=\"async\" data-no-lazy=\"1\" class=\"portfolio-entry-img skip-lazy\" src=\"https:\/\/www.garciafaura.com\/wp-content\/uploads\/2018\/11\/Oficines-Palau-Blaugrana-01-x.jpg\" alt=\"Nuevos Servicios En Las Instalaciones Del FC Barcelona\" data-no-retina \/><\/a><\/div><div class=\"portfolio-entry-details entry-details wpex-clr\"><div class=\"match-height-content\"><h2 class=\"portfolio-entry-title entry-title\"><a href=\"https:\/\/www.garciafaura.com\/es\/portfolio-item\/oficinas-palau-blaugrana\/\" title=\"Oficinas Palau Blaugrana\">Oficinas Palau Blaugrana<\/a><\/h2><div class=\"portfolio-entry-categories entry-categories wpex-clr\"><a href=\"https:\/\/www.garciafaura.com\/es\/portfolio-category\/edificios-corporativos\/\" class=\"term-45\">Edificios Corporativos<\/a><\/div><\/div><\/div><\/div><\/div><div class=\"portfolio-entry vcex-grid-item entry-has-details span_1_of_3 col col-1 vcex-isotope-entry vcex-no-margin-entry post-18101 entry type-portfolio has-media cat-49 cat-50 cat-51 translation_priority-6\"><div class=\"portfolio-entry-inner entry-inner wpex-clr\"><div class=\"portfolio-entry-media entry-media wpex-clr\"><a href=\"https:\/\/www.garciafaura.com\/wp-content\/uploads\/2018\/11\/Terminal-Grimaldi-19.jpg\" title=\"Terminal Grimaldi\" class=\"portfolio-entry-media-link wpex-lightbox-gallery\" data-gallery=\"[{&quot;src&quot;:&quot;https:\\\/\\\/www.garciafaura.com\\\/wp-content\\\/uploads\\\/2018\\\/11\\\/Terminal-Grimaldi-01.jpg&quot;,&quot;title&quot;:&quot;Nueva terminal de la compa\\u00f1\\u00eda Grimaldi en el Puerto de Barcelona&quot;},{&quot;src&quot;:&quot;https:\\\/\\\/www.garciafaura.com\\\/wp-content\\\/uploads\\\/2018\\\/11\\\/Terminal-Grimaldi-19.jpg&quot;,&quot;title&quot;:&quot;Nueva terminal de la compa\\u00f1\\u00eda Grimaldi en el Puerto de Barcelona&quot;},{&quot;src&quot;:&quot;https:\\\/\\\/www.garciafaura.com\\\/wp-content\\\/uploads\\\/2018\\\/11\\\/Terminal-Grimaldi-18.jpg&quot;,&quot;title&quot;:&quot;Nueva terminal de la compa\\u00f1\\u00eda Grimaldi en el Puerto de Barcelona&quot;},{&quot;src&quot;:&quot;https:\\\/\\\/www.garciafaura.com\\\/wp-content\\\/uploads\\\/2018\\\/11\\\/Terminal-Grimaldi-17.jpg&quot;,&quot;title&quot;:&quot;Nueva terminal de la compa\\u00f1\\u00eda Grimaldi en el Puerto de Barcelona&quot;},{&quot;src&quot;:&quot;https:\\\/\\\/www.garciafaura.com\\\/wp-content\\\/uploads\\\/2018\\\/11\\\/Terminal-Grimaldi-16.jpg&quot;,&quot;title&quot;:&quot;Nueva terminal de la compa\\u00f1\\u00eda Grimaldi en el Puerto de Barcelona&quot;},{&quot;src&quot;:&quot;https:\\\/\\\/www.garciafaura.com\\\/wp-content\\\/uploads\\\/2018\\\/11\\\/Terminal-Grimaldi-15.jpg&quot;,&quot;title&quot;:&quot;Nueva terminal de la compa\\u00f1\\u00eda Grimaldi en el Puerto de Barcelona&quot;},{&quot;src&quot;:&quot;https:\\\/\\\/www.garciafaura.com\\\/wp-content\\\/uploads\\\/2018\\\/11\\\/Terminal-Grimaldi-14.jpg&quot;,&quot;title&quot;:&quot;Nueva terminal de la compa\\u00f1\\u00eda Grimaldi en el Puerto de Barcelona&quot;},{&quot;src&quot;:&quot;https:\\\/\\\/www.garciafaura.com\\\/wp-content\\\/uploads\\\/2018\\\/11\\\/Terminal-Grimaldi-13.jpg&quot;,&quot;title&quot;:&quot;Nueva terminal de la compa\\u00f1\\u00eda Grimaldi en el Puerto de Barcelona&quot;},{&quot;src&quot;:&quot;https:\\\/\\\/www.garciafaura.com\\\/wp-content\\\/uploads\\\/2018\\\/11\\\/Terminal-Grimaldi-12.jpg&quot;,&quot;title&quot;:&quot;Nueva terminal de la compa\\u00f1\\u00eda Grimaldi en el Puerto de Barcelona&quot;},{&quot;src&quot;:&quot;https:\\\/\\\/www.garciafaura.com\\\/wp-content\\\/uploads\\\/2018\\\/11\\\/Terminal-Grimaldi-11.jpg&quot;,&quot;title&quot;:&quot;Nueva terminal de la compa\\u00f1\\u00eda Grimaldi en el Puerto de Barcelona&quot;},{&quot;src&quot;:&quot;https:\\\/\\\/www.garciafaura.com\\\/wp-content\\\/uploads\\\/2018\\\/11\\\/Terminal-Grimaldi-10.jpg&quot;,&quot;title&quot;:&quot;Nueva terminal de la compa\\u00f1\\u00eda Grimaldi en el Puerto de Barcelona&quot;},{&quot;src&quot;:&quot;https:\\\/\\\/www.garciafaura.com\\\/wp-content\\\/uploads\\\/2018\\\/11\\\/Terminal-Grimaldi-09.jpg&quot;,&quot;title&quot;:&quot;Nueva terminal de la compa\\u00f1\\u00eda Grimaldi en el Puerto de Barcelona&quot;},{&quot;src&quot;:&quot;https:\\\/\\\/www.garciafaura.com\\\/wp-content\\\/uploads\\\/2018\\\/11\\\/Terminal-Grimaldi-08.jpg&quot;,&quot;title&quot;:&quot;Nueva terminal de la compa\\u00f1\\u00eda Grimaldi en el Puerto de Barcelona&quot;},{&quot;src&quot;:&quot;https:\\\/\\\/www.garciafaura.com\\\/wp-content\\\/uploads\\\/2018\\\/11\\\/Terminal-Grimaldi-07.jpg&quot;,&quot;title&quot;:&quot;Nueva terminal de la compa\\u00f1\\u00eda Grimaldi en el Puerto de Barcelona&quot;},{&quot;src&quot;:&quot;https:\\\/\\\/www.garciafaura.com\\\/wp-content\\\/uploads\\\/2018\\\/11\\\/Terminal-Grimaldi-06.jpg&quot;,&quot;title&quot;:&quot;Nueva terminal de la compa\\u00f1\\u00eda Grimaldi en el Puerto de Barcelona&quot;},{&quot;src&quot;:&quot;https:\\\/\\\/www.garciafaura.com\\\/wp-content\\\/uploads\\\/2018\\\/11\\\/Terminal-Grimaldi-05.jpg&quot;,&quot;title&quot;:&quot;Nueva terminal de la compa\\u00f1\\u00eda Grimaldi en el Puerto de Barcelona&quot;},{&quot;src&quot;:&quot;https:\\\/\\\/www.garciafaura.com\\\/wp-content\\\/uploads\\\/2018\\\/11\\\/Terminal-Grimaldi-04.jpg&quot;,&quot;title&quot;:&quot;Nueva terminal de la compa\\u00f1\\u00eda Grimaldi en el Puerto de Barcelona&quot;},{&quot;src&quot;:&quot;https:\\\/\\\/www.garciafaura.com\\\/wp-content\\\/uploads\\\/2018\\\/11\\\/Terminal-Grimaldi-03.jpg&quot;,&quot;title&quot;:&quot;Nueva terminal de la compa\\u00f1\\u00eda Grimaldi en el Puerto de Barcelona&quot;},{&quot;src&quot;:&quot;https:\\\/\\\/www.garciafaura.com\\\/wp-content\\\/uploads\\\/2018\\\/11\\\/Terminal-Grimaldi-02.jpg&quot;,&quot;title&quot;:&quot;Nueva terminal de la compa\\u00f1\\u00eda Grimaldi en el Puerto de Barcelona&quot;}]\"><img loading=\"lazy\" decoding=\"async\" data-no-lazy=\"1\" class=\"portfolio-entry-img skip-lazy\" src=\"https:\/\/www.garciafaura.com\/wp-content\/uploads\/2018\/11\/Terminal-Grimaldi-19-600x314.jpg\" alt=\"Nueva Terminal De La Compa\u00f1\u00eda Grimaldi En El Puerto De Barcelona\" data-no-retina width=\"600\" height=\"314\" \/><\/a><\/div><div class=\"portfolio-entry-details entry-details wpex-clr\"><div class=\"match-height-content\"><h2 class=\"portfolio-entry-title entry-title\"><a href=\"https:\/\/www.garciafaura.com\/es\/portfolio-item\/terminal-grimaldi\/\" title=\"Terminal Grimaldi\">Terminal Grimaldi<\/a><\/h2><div class=\"portfolio-entry-categories entry-categories wpex-clr\"><a href=\"https:\/\/www.garciafaura.com\/es\/portfolio-category\/edificios-de-servicios\/\" class=\"term-49\">Edificios de Servicios<\/a><\/div><\/div><\/div><\/div><\/div><div class=\"portfolio-entry vcex-grid-item entry-has-details span_1_of_3 col col-2 vcex-isotope-entry vcex-no-margin-entry post-18083 entry type-portfolio has-media cat-49 cat-51 cat-52 cat-118 cat-119 translation_priority-6\"><div class=\"portfolio-entry-inner entry-inner wpex-clr\"><div class=\"portfolio-entry-media entry-media wpex-clr\"><a href=\"https:\/\/www.garciafaura.com\/wp-content\/uploads\/2018\/11\/Edifici-ICFO-Campus-UPC-01.jpg\" title=\"Edificio ICFO Campus UPC Castelldefels\" class=\"portfolio-entry-media-link wpex-lightbox-gallery\" data-gallery=\"[{&quot;src&quot;:&quot;https:\\\/\\\/www.garciafaura.com\\\/wp-content\\\/uploads\\\/2018\\\/11\\\/Edifici-ICFO-Campus-UPC-01.jpg&quot;,&quot;title&quot;:&quot;Cerramientos y pasarelas del Instituto de Ciencias Fot\\u00f3nicas en el Campus Castelldefels&quot;},{&quot;src&quot;:&quot;https:\\\/\\\/www.garciafaura.com\\\/wp-content\\\/uploads\\\/2018\\\/11\\\/Edifici-ICFO-Campus-UPC-33.jpg&quot;,&quot;title&quot;:&quot;Cerramientos y pasarelas del Instituto de Ciencias Fot\\u00f3nicas en el Campus Castelldefels&quot;},{&quot;src&quot;:&quot;https:\\\/\\\/www.garciafaura.com\\\/wp-content\\\/uploads\\\/2018\\\/11\\\/Edifici-ICFO-Campus-UPC-32.jpg&quot;,&quot;title&quot;:&quot;Cerramientos y pasarelas del Instituto de Ciencias Fot\\u00f3nicas en el Campus Castelldefels&quot;},{&quot;src&quot;:&quot;https:\\\/\\\/www.garciafaura.com\\\/wp-content\\\/uploads\\\/2018\\\/11\\\/Edifici-ICFO-Campus-UPC-31.jpg&quot;,&quot;title&quot;:&quot;Cerramientos y pasarelas del Instituto de Ciencias Fot\\u00f3nicas en el Campus Castelldefels&quot;},{&quot;src&quot;:&quot;https:\\\/\\\/www.garciafaura.com\\\/wp-content\\\/uploads\\\/2018\\\/11\\\/Edifici-ICFO-Campus-UPC-30.jpg&quot;,&quot;title&quot;:&quot;Cerramientos y pasarelas del Instituto de Ciencias Fot\\u00f3nicas en el Campus Castelldefels&quot;},{&quot;src&quot;:&quot;https:\\\/\\\/www.garciafaura.com\\\/wp-content\\\/uploads\\\/2018\\\/11\\\/Edifici-ICFO-Campus-UPC-29.jpg&quot;,&quot;title&quot;:&quot;Cerramientos y pasarelas del Instituto de Ciencias Fot\\u00f3nicas en el Campus Castelldefels&quot;},{&quot;src&quot;:&quot;https:\\\/\\\/www.garciafaura.com\\\/wp-content\\\/uploads\\\/2018\\\/11\\\/Edifici-ICFO-Campus-UPC-28.jpg&quot;,&quot;title&quot;:&quot;Cerramientos y pasarelas del Instituto de Ciencias Fot\\u00f3nicas en el Campus Castelldefels&quot;},{&quot;src&quot;:&quot;https:\\\/\\\/www.garciafaura.com\\\/wp-content\\\/uploads\\\/2018\\\/11\\\/Edifici-ICFO-Campus-UPC-27.jpg&quot;,&quot;title&quot;:&quot;Cerramientos y pasarelas del Instituto de Ciencias Fot\\u00f3nicas en el Campus Castelldefels&quot;},{&quot;src&quot;:&quot;https:\\\/\\\/www.garciafaura.com\\\/wp-content\\\/uploads\\\/2018\\\/11\\\/Edifici-ICFO-Campus-UPC-26.jpg&quot;,&quot;title&quot;:&quot;Cerramientos y pasarelas del Instituto de Ciencias Fot\\u00f3nicas en el Campus Castelldefels&quot;},{&quot;src&quot;:&quot;https:\\\/\\\/www.garciafaura.com\\\/wp-content\\\/uploads\\\/2018\\\/11\\\/Edifici-ICFO-Campus-UPC-25.jpg&quot;,&quot;title&quot;:&quot;Cerramientos y pasarelas del Instituto de Ciencias Fot\\u00f3nicas en el Campus Castelldefels&quot;},{&quot;src&quot;:&quot;https:\\\/\\\/www.garciafaura.com\\\/wp-content\\\/uploads\\\/2018\\\/11\\\/Edifici-ICFO-Campus-UPC-24.jpg&quot;,&quot;title&quot;:&quot;Cerramientos y pasarelas del Instituto de Ciencias Fot\\u00f3nicas en el Campus Castelldefels&quot;},{&quot;src&quot;:&quot;https:\\\/\\\/www.garciafaura.com\\\/wp-content\\\/uploads\\\/2018\\\/11\\\/Edifici-ICFO-Campus-UPC-23.jpg&quot;,&quot;title&quot;:&quot;Cerramientos y pasarelas del Instituto de Ciencias Fot\\u00f3nicas en el Campus Castelldefels&quot;},{&quot;src&quot;:&quot;https:\\\/\\\/www.garciafaura.com\\\/wp-content\\\/uploads\\\/2018\\\/11\\\/Edifici-ICFO-Campus-UPC-22.jpg&quot;,&quot;title&quot;:&quot;Cerramientos y pasarelas del Instituto de Ciencias Fot\\u00f3nicas en el Campus Castelldefels&quot;},{&quot;src&quot;:&quot;https:\\\/\\\/www.garciafaura.com\\\/wp-content\\\/uploads\\\/2018\\\/11\\\/Edifici-ICFO-Campus-UPC-21.jpg&quot;,&quot;title&quot;:&quot;Cerramientos y pasarelas del Instituto de Ciencias Fot\\u00f3nicas en el Campus Castelldefels&quot;},{&quot;src&quot;:&quot;https:\\\/\\\/www.garciafaura.com\\\/wp-content\\\/uploads\\\/2018\\\/11\\\/Edifici-ICFO-Campus-UPC-20.jpg&quot;,&quot;title&quot;:&quot;Cerramientos y pasarelas del Instituto de Ciencias Fot\\u00f3nicas en el Campus Castelldefels&quot;},{&quot;src&quot;:&quot;https:\\\/\\\/www.garciafaura.com\\\/wp-content\\\/uploads\\\/2018\\\/11\\\/Edifici-ICFO-Campus-UPC-19.jpg&quot;,&quot;title&quot;:&quot;Cerramientos y pasarelas del Instituto de Ciencias Fot\\u00f3nicas en el Campus Castelldefels&quot;},{&quot;src&quot;:&quot;https:\\\/\\\/www.garciafaura.com\\\/wp-content\\\/uploads\\\/2018\\\/11\\\/Edifici-ICFO-Campus-UPC-18.jpg&quot;,&quot;title&quot;:&quot;Cerramientos y pasarelas del Instituto de Ciencias Fot\\u00f3nicas en el Campus Castelldefels&quot;},{&quot;src&quot;:&quot;https:\\\/\\\/www.garciafaura.com\\\/wp-content\\\/uploads\\\/2018\\\/11\\\/Edifici-ICFO-Campus-UPC-17.jpg&quot;,&quot;title&quot;:&quot;Cerramientos y pasarelas del Instituto de Ciencias Fot\\u00f3nicas en el Campus Castelldefels&quot;},{&quot;src&quot;:&quot;https:\\\/\\\/www.garciafaura.com\\\/wp-content\\\/uploads\\\/2018\\\/11\\\/Edifici-ICFO-Campus-UPC-16.jpg&quot;,&quot;title&quot;:&quot;Cerramientos y pasarelas del Instituto de Ciencias Fot\\u00f3nicas en el Campus Castelldefels&quot;},{&quot;src&quot;:&quot;https:\\\/\\\/www.garciafaura.com\\\/wp-content\\\/uploads\\\/2018\\\/11\\\/Edifici-ICFO-Campus-UPC-15.jpg&quot;,&quot;title&quot;:&quot;Cerramientos y pasarelas del Instituto de Ciencias Fot\\u00f3nicas en el Campus Castelldefels&quot;},{&quot;src&quot;:&quot;https:\\\/\\\/www.garciafaura.com\\\/wp-content\\\/uploads\\\/2018\\\/11\\\/Edifici-ICFO-Campus-UPC-14.jpg&quot;,&quot;title&quot;:&quot;Cerramientos y pasarelas del Instituto de Ciencias Fot\\u00f3nicas en el Campus Castelldefels&quot;},{&quot;src&quot;:&quot;https:\\\/\\\/www.garciafaura.com\\\/wp-content\\\/uploads\\\/2018\\\/11\\\/Edifici-ICFO-Campus-UPC-13.jpg&quot;,&quot;title&quot;:&quot;Cerramientos y pasarelas del Instituto de Ciencias Fot\\u00f3nicas en el Campus Castelldefels&quot;},{&quot;src&quot;:&quot;https:\\\/\\\/www.garciafaura.com\\\/wp-content\\\/uploads\\\/2018\\\/11\\\/Edifici-ICFO-Campus-UPC-12.jpg&quot;,&quot;title&quot;:&quot;Cerramientos y pasarelas del Instituto de Ciencias Fot\\u00f3nicas en el Campus Castelldefels&quot;},{&quot;src&quot;:&quot;https:\\\/\\\/www.garciafaura.com\\\/wp-content\\\/uploads\\\/2018\\\/11\\\/Edifici-ICFO-Campus-UPC-11.jpg&quot;,&quot;title&quot;:&quot;Cerramientos y pasarelas del Instituto de Ciencias Fot\\u00f3nicas en el Campus Castelldefels&quot;},{&quot;src&quot;:&quot;https:\\\/\\\/www.garciafaura.com\\\/wp-content\\\/uploads\\\/2018\\\/11\\\/Edifici-ICFO-Campus-UPC-10.jpg&quot;,&quot;title&quot;:&quot;Cerramientos y pasarelas del Instituto de Ciencias Fot\\u00f3nicas en el Campus Castelldefels&quot;},{&quot;src&quot;:&quot;https:\\\/\\\/www.garciafaura.com\\\/wp-content\\\/uploads\\\/2018\\\/11\\\/Edifici-ICFO-Campus-UPC-09.jpg&quot;,&quot;title&quot;:&quot;Cerramientos y pasarelas del Instituto de Ciencias Fot\\u00f3nicas en el Campus Castelldefels&quot;},{&quot;src&quot;:&quot;https:\\\/\\\/www.garciafaura.com\\\/wp-content\\\/uploads\\\/2018\\\/11\\\/Edifici-ICFO-Campus-UPC-08.jpg&quot;,&quot;title&quot;:&quot;Cerramientos y pasarelas del Instituto de Ciencias Fot\\u00f3nicas en el Campus Castelldefels&quot;},{&quot;src&quot;:&quot;https:\\\/\\\/www.garciafaura.com\\\/wp-content\\\/uploads\\\/2018\\\/11\\\/Edifici-ICFO-Campus-UPC-07.jpg&quot;,&quot;title&quot;:&quot;Cerramientos y pasarelas del Instituto de Ciencias Fot\\u00f3nicas en el Campus Castelldefels&quot;},{&quot;src&quot;:&quot;https:\\\/\\\/www.garciafaura.com\\\/wp-content\\\/uploads\\\/2018\\\/11\\\/Edifici-ICFO-Campus-UPC-06.jpg&quot;,&quot;title&quot;:&quot;Cerramientos y pasarelas del Instituto de Ciencias Fot\\u00f3nicas en el Campus Castelldefels&quot;},{&quot;src&quot;:&quot;https:\\\/\\\/www.garciafaura.com\\\/wp-content\\\/uploads\\\/2018\\\/11\\\/Edifici-ICFO-Campus-UPC-04.jpg&quot;,&quot;title&quot;:&quot;Cerramientos y pasarelas del Instituto de Ciencias Fot\\u00f3nicas en el Campus Castelldefels&quot;},{&quot;src&quot;:&quot;https:\\\/\\\/www.garciafaura.com\\\/wp-content\\\/uploads\\\/2018\\\/11\\\/Edifici-ICFO-Campus-UPC-05.jpg&quot;,&quot;title&quot;:&quot;Cerramientos y pasarelas del Instituto de Ciencias Fot\\u00f3nicas en el Campus Castelldefels&quot;},{&quot;src&quot;:&quot;https:\\\/\\\/www.garciafaura.com\\\/wp-content\\\/uploads\\\/2018\\\/11\\\/Edifici-ICFO-Campus-UPC-03.jpg&quot;,&quot;title&quot;:&quot;Cerramientos y pasarelas del Instituto de Ciencias Fot\\u00f3nicas en el Campus Castelldefels&quot;},{&quot;src&quot;:&quot;https:\\\/\\\/www.garciafaura.com\\\/wp-content\\\/uploads\\\/2018\\\/11\\\/Edifici-ICFO-Campus-UPC-02.jpg&quot;,&quot;title&quot;:&quot;Cerramientos y pasarelas del Instituto de Ciencias Fot\\u00f3nicas en el Campus Castelldefels&quot;}]\"><img loading=\"lazy\" decoding=\"async\" data-no-lazy=\"1\" class=\"portfolio-entry-img skip-lazy\" src=\"https:\/\/www.garciafaura.com\/wp-content\/uploads\/2018\/11\/Edifici-ICFO-Campus-UPC-01-600x314.jpg\" alt=\"Cerramientos Y Pasarelas Del Instituto De Ciencias Fot\u00f3nicas En El Campus Castelldefels\" data-no-retina width=\"600\" height=\"314\" \/><\/a><\/div><div class=\"portfolio-entry-details entry-details wpex-clr\"><div class=\"match-height-content\"><h2 class=\"portfolio-entry-title entry-title\"><a href=\"https:\/\/www.garciafaura.com\/es\/portfolio-item\/edificio-icfo-campus-upc-castelldefels\/\" title=\"Edificio ICFO Campus UPC Castelldefels\">Edificio ICFO Campus UPC Castelldefels<\/a><\/h2><div class=\"portfolio-entry-categories entry-categories wpex-clr\"><a href=\"https:\/\/www.garciafaura.com\/es\/portfolio-category\/edificios-de-servicios\/\" class=\"term-49\">Edificios de Servicios<\/a><\/div><\/div><\/div><\/div><\/div><div class=\"portfolio-entry vcex-grid-item entry-has-details span_1_of_3 col col-3 vcex-isotope-entry vcex-no-margin-entry post-18077 entry type-portfolio has-media cat-51 cat-53 cat-54 cat-118 cat-119 translation_priority-6\"><div class=\"portfolio-entry-inner entry-inner wpex-clr\"><div class=\"portfolio-entry-media entry-media wpex-clr\"><a href=\"https:\/\/www.garciafaura.com\/wp-content\/uploads\/2018\/11\/Hotel-Sofia-Sitges-02.jpg\" title=\"Hotel Sofia\" class=\"portfolio-entry-media-link wpex-lightbox-gallery\" data-gallery=\"[{&quot;src&quot;:&quot;https:\\\/\\\/www.garciafaura.com\\\/wp-content\\\/uploads\\\/2018\\\/11\\\/Hotel-Sofia-Sitges-01.jpg&quot;,&quot;title&quot;:&quot;Cerramientos y fachada exterior de este establecimiento hotelero del centro de Sitges&quot;},{&quot;src&quot;:&quot;https:\\\/\\\/www.garciafaura.com\\\/wp-content\\\/uploads\\\/2018\\\/11\\\/Hotel-Sofia-Sitges-55.jpg&quot;,&quot;title&quot;:&quot;Cerramientos y fachada exterior de este establecimiento hotelero del centro de Sitges&quot;},{&quot;src&quot;:&quot;https:\\\/\\\/www.garciafaura.com\\\/wp-content\\\/uploads\\\/2018\\\/11\\\/Hotel-Sofia-Sitges-54.jpg&quot;,&quot;title&quot;:&quot;Cerramientos y fachada exterior de este establecimiento hotelero del centro de Sitges&quot;},{&quot;src&quot;:&quot;https:\\\/\\\/www.garciafaura.com\\\/wp-content\\\/uploads\\\/2018\\\/11\\\/Hotel-Sofia-Sitges-53.jpg&quot;,&quot;title&quot;:&quot;Cerramientos y fachada exterior de este establecimiento hotelero del centro de Sitges&quot;},{&quot;src&quot;:&quot;https:\\\/\\\/www.garciafaura.com\\\/wp-content\\\/uploads\\\/2018\\\/11\\\/Hotel-Sofia-Sitges-52.jpg&quot;,&quot;title&quot;:&quot;Cerramientos y fachada exterior de este establecimiento hotelero del centro de Sitges&quot;},{&quot;src&quot;:&quot;https:\\\/\\\/www.garciafaura.com\\\/wp-content\\\/uploads\\\/2018\\\/11\\\/Hotel-Sofia-Sitges-51.jpg&quot;,&quot;title&quot;:&quot;Cerramientos y fachada exterior de este establecimiento hotelero del centro de Sitges&quot;},{&quot;src&quot;:&quot;https:\\\/\\\/www.garciafaura.com\\\/wp-content\\\/uploads\\\/2018\\\/11\\\/Hotel-Sofia-Sitges-50.jpg&quot;,&quot;title&quot;:&quot;Cerramientos y fachada exterior de este establecimiento hotelero del centro de Sitges&quot;},{&quot;src&quot;:&quot;https:\\\/\\\/www.garciafaura.com\\\/wp-content\\\/uploads\\\/2018\\\/11\\\/Hotel-Sofia-Sitges-49.jpg&quot;,&quot;title&quot;:&quot;Cerramientos y fachada exterior de este establecimiento hotelero del centro de Sitges&quot;},{&quot;src&quot;:&quot;https:\\\/\\\/www.garciafaura.com\\\/wp-content\\\/uploads\\\/2018\\\/11\\\/Hotel-Sofia-Sitges-48.jpg&quot;,&quot;title&quot;:&quot;Cerramientos y fachada exterior de este establecimiento hotelero del centro de Sitges&quot;},{&quot;src&quot;:&quot;https:\\\/\\\/www.garciafaura.com\\\/wp-content\\\/uploads\\\/2018\\\/11\\\/Hotel-Sofia-Sitges-47.jpg&quot;,&quot;title&quot;:&quot;Cerramientos y fachada exterior de este establecimiento hotelero del centro de Sitges&quot;},{&quot;src&quot;:&quot;https:\\\/\\\/www.garciafaura.com\\\/wp-content\\\/uploads\\\/2018\\\/11\\\/Hotel-Sofia-Sitges-46.jpg&quot;,&quot;title&quot;:&quot;Cerramientos y fachada exterior de este establecimiento hotelero del centro de Sitges&quot;},{&quot;src&quot;:&quot;https:\\\/\\\/www.garciafaura.com\\\/wp-content\\\/uploads\\\/2018\\\/11\\\/Hotel-Sofia-Sitges-45.jpg&quot;,&quot;title&quot;:&quot;Cerramientos y fachada exterior de este establecimiento hotelero del centro de Sitges&quot;},{&quot;src&quot;:&quot;https:\\\/\\\/www.garciafaura.com\\\/wp-content\\\/uploads\\\/2018\\\/11\\\/Hotel-Sofia-Sitges-44.jpg&quot;,&quot;title&quot;:&quot;Cerramientos y fachada exterior de este establecimiento hotelero del centro de Sitges&quot;},{&quot;src&quot;:&quot;https:\\\/\\\/www.garciafaura.com\\\/wp-content\\\/uploads\\\/2018\\\/11\\\/Hotel-Sofia-Sitges-43.jpg&quot;,&quot;title&quot;:&quot;Cerramientos y fachada exterior de este establecimiento hotelero del centro de Sitges&quot;},{&quot;src&quot;:&quot;https:\\\/\\\/www.garciafaura.com\\\/wp-content\\\/uploads\\\/2018\\\/11\\\/Hotel-Sofia-Sitges-42.jpg&quot;,&quot;title&quot;:&quot;Cerramientos y fachada exterior de este establecimiento hotelero del centro de Sitges&quot;},{&quot;src&quot;:&quot;https:\\\/\\\/www.garciafaura.com\\\/wp-content\\\/uploads\\\/2018\\\/11\\\/Hotel-Sofia-Sitges-41.jpg&quot;,&quot;title&quot;:&quot;Cerramientos y fachada exterior de este establecimiento hotelero del centro de Sitges&quot;},{&quot;src&quot;:&quot;https:\\\/\\\/www.garciafaura.com\\\/wp-content\\\/uploads\\\/2018\\\/11\\\/Hotel-Sofia-Sitges-40.jpg&quot;,&quot;title&quot;:&quot;Cerramientos y fachada exterior de este establecimiento hotelero del centro de Sitges&quot;},{&quot;src&quot;:&quot;https:\\\/\\\/www.garciafaura.com\\\/wp-content\\\/uploads\\\/2018\\\/11\\\/Hotel-Sofia-Sitges-39.jpg&quot;,&quot;title&quot;:&quot;Cerramientos y fachada exterior de este establecimiento hotelero del centro de Sitges&quot;},{&quot;src&quot;:&quot;https:\\\/\\\/www.garciafaura.com\\\/wp-content\\\/uploads\\\/2018\\\/11\\\/Hotel-Sofia-Sitges-38.jpg&quot;,&quot;title&quot;:&quot;Cerramientos y fachada exterior de este establecimiento hotelero del centro de Sitges&quot;},{&quot;src&quot;:&quot;https:\\\/\\\/www.garciafaura.com\\\/wp-content\\\/uploads\\\/2018\\\/11\\\/Hotel-Sofia-Sitges-37.jpg&quot;,&quot;title&quot;:&quot;Cerramientos y fachada exterior de este establecimiento hotelero del centro de Sitges&quot;},{&quot;src&quot;:&quot;https:\\\/\\\/www.garciafaura.com\\\/wp-content\\\/uploads\\\/2018\\\/11\\\/Hotel-Sofia-Sitges-36.jpg&quot;,&quot;title&quot;:&quot;Cerramientos y fachada exterior de este establecimiento hotelero del centro de Sitges&quot;},{&quot;src&quot;:&quot;https:\\\/\\\/www.garciafaura.com\\\/wp-content\\\/uploads\\\/2018\\\/11\\\/Hotel-Sofia-Sitges-35.jpg&quot;,&quot;title&quot;:&quot;Cerramientos y fachada exterior de este establecimiento hotelero del centro de Sitges&quot;},{&quot;src&quot;:&quot;https:\\\/\\\/www.garciafaura.com\\\/wp-content\\\/uploads\\\/2018\\\/11\\\/Hotel-Sofia-Sitges-34.jpg&quot;,&quot;title&quot;:&quot;Cerramientos y fachada exterior de este establecimiento hotelero del centro de Sitges&quot;},{&quot;src&quot;:&quot;https:\\\/\\\/www.garciafaura.com\\\/wp-content\\\/uploads\\\/2018\\\/11\\\/Hotel-Sofia-Sitges-33.jpg&quot;,&quot;title&quot;:&quot;Cerramientos y fachada exterior de este establecimiento hotelero del centro de Sitges&quot;},{&quot;src&quot;:&quot;https:\\\/\\\/www.garciafaura.com\\\/wp-content\\\/uploads\\\/2018\\\/11\\\/Hotel-Sofia-Sitges-32.jpg&quot;,&quot;title&quot;:&quot;Cerramientos y fachada exterior de este establecimiento hotelero del centro de Sitges&quot;},{&quot;src&quot;:&quot;https:\\\/\\\/www.garciafaura.com\\\/wp-content\\\/uploads\\\/2018\\\/11\\\/Hotel-Sofia-Sitges-31.jpg&quot;,&quot;title&quot;:&quot;Cerramientos y fachada exterior de este establecimiento hotelero del centro de Sitges&quot;},{&quot;src&quot;:&quot;https:\\\/\\\/www.garciafaura.com\\\/wp-content\\\/uploads\\\/2018\\\/11\\\/Hotel-Sofia-Sitges-30.jpg&quot;,&quot;title&quot;:&quot;Cerramientos y fachada exterior de este establecimiento hotelero del centro de Sitges&quot;},{&quot;src&quot;:&quot;https:\\\/\\\/www.garciafaura.com\\\/wp-content\\\/uploads\\\/2018\\\/11\\\/Hotel-Sofia-Sitges-29.jpg&quot;,&quot;title&quot;:&quot;Cerramientos y fachada exterior de este establecimiento hotelero del centro de Sitges&quot;},{&quot;src&quot;:&quot;https:\\\/\\\/www.garciafaura.com\\\/wp-content\\\/uploads\\\/2018\\\/11\\\/Hotel-Sofia-Sitges-28.jpg&quot;,&quot;title&quot;:&quot;Cerramientos y fachada exterior de este establecimiento hotelero del centro de Sitges&quot;},{&quot;src&quot;:&quot;https:\\\/\\\/www.garciafaura.com\\\/wp-content\\\/uploads\\\/2018\\\/11\\\/Hotel-Sofia-Sitges-27.jpg&quot;,&quot;title&quot;:&quot;Cerramientos y fachada exterior de este establecimiento hotelero del centro de Sitges&quot;},{&quot;src&quot;:&quot;https:\\\/\\\/www.garciafaura.com\\\/wp-content\\\/uploads\\\/2018\\\/11\\\/Hotel-Sofia-Sitges-26.jpg&quot;,&quot;title&quot;:&quot;Cerramientos y fachada exterior de este establecimiento hotelero del centro de Sitges&quot;},{&quot;src&quot;:&quot;https:\\\/\\\/www.garciafaura.com\\\/wp-content\\\/uploads\\\/2018\\\/11\\\/Hotel-Sofia-Sitges-25.jpg&quot;,&quot;title&quot;:&quot;Cerramientos y fachada exterior de este establecimiento hotelero del centro de Sitges&quot;},{&quot;src&quot;:&quot;https:\\\/\\\/www.garciafaura.com\\\/wp-content\\\/uploads\\\/2018\\\/11\\\/Hotel-Sofia-Sitges-24.jpg&quot;,&quot;title&quot;:&quot;Cerramientos y fachada exterior de este establecimiento hotelero del centro de Sitges&quot;},{&quot;src&quot;:&quot;https:\\\/\\\/www.garciafaura.com\\\/wp-content\\\/uploads\\\/2018\\\/11\\\/Hotel-Sofia-Sitges-23.jpg&quot;,&quot;title&quot;:&quot;Cerramientos y fachada exterior de este establecimiento hotelero del centro de Sitges&quot;},{&quot;src&quot;:&quot;https:\\\/\\\/www.garciafaura.com\\\/wp-content\\\/uploads\\\/2018\\\/11\\\/Hotel-Sofia-Sitges-22.jpg&quot;,&quot;title&quot;:&quot;Cerramientos y fachada exterior de este establecimiento hotelero del centro de Sitges&quot;},{&quot;src&quot;:&quot;https:\\\/\\\/www.garciafaura.com\\\/wp-content\\\/uploads\\\/2018\\\/11\\\/Hotel-Sofia-Sitges-21.jpg&quot;,&quot;title&quot;:&quot;Cerramientos y fachada exterior de este establecimiento hotelero del centro de Sitges&quot;},{&quot;src&quot;:&quot;https:\\\/\\\/www.garciafaura.com\\\/wp-content\\\/uploads\\\/2018\\\/11\\\/Hotel-Sofia-Sitges-20.jpg&quot;,&quot;title&quot;:&quot;Cerramientos y fachada exterior de este establecimiento hotelero del centro de Sitges&quot;},{&quot;src&quot;:&quot;https:\\\/\\\/www.garciafaura.com\\\/wp-content\\\/uploads\\\/2018\\\/11\\\/Hotel-Sofia-Sitges-19.jpg&quot;,&quot;title&quot;:&quot;Cerramientos y fachada exterior de este establecimiento hotelero del centro de Sitges&quot;},{&quot;src&quot;:&quot;https:\\\/\\\/www.garciafaura.com\\\/wp-content\\\/uploads\\\/2018\\\/11\\\/Hotel-Sofia-Sitges-18.jpg&quot;,&quot;title&quot;:&quot;Cerramientos y fachada exterior de este establecimiento hotelero del centro de Sitges&quot;},{&quot;src&quot;:&quot;https:\\\/\\\/www.garciafaura.com\\\/wp-content\\\/uploads\\\/2018\\\/11\\\/Hotel-Sofia-Sitges-17.jpg&quot;,&quot;title&quot;:&quot;Cerramientos y fachada exterior de este establecimiento hotelero del centro de Sitges&quot;},{&quot;src&quot;:&quot;https:\\\/\\\/www.garciafaura.com\\\/wp-content\\\/uploads\\\/2018\\\/11\\\/Hotel-Sofia-Sitges-16.jpg&quot;,&quot;title&quot;:&quot;Cerramientos y fachada exterior de este establecimiento hotelero del centro de Sitges&quot;},{&quot;src&quot;:&quot;https:\\\/\\\/www.garciafaura.com\\\/wp-content\\\/uploads\\\/2018\\\/11\\\/Hotel-Sofia-Sitges-15.jpg&quot;,&quot;title&quot;:&quot;Cerramientos y fachada exterior de este establecimiento hotelero del centro de Sitges&quot;},{&quot;src&quot;:&quot;https:\\\/\\\/www.garciafaura.com\\\/wp-content\\\/uploads\\\/2018\\\/11\\\/Hotel-Sofia-Sitges-14.jpg&quot;,&quot;title&quot;:&quot;Cerramientos y fachada exterior de este establecimiento hotelero del centro de Sitges&quot;},{&quot;src&quot;:&quot;https:\\\/\\\/www.garciafaura.com\\\/wp-content\\\/uploads\\\/2018\\\/11\\\/Hotel-Sofia-Sitges-13.jpg&quot;,&quot;title&quot;:&quot;Cerramientos y fachada exterior de este establecimiento hotelero del centro de Sitges&quot;},{&quot;src&quot;:&quot;https:\\\/\\\/www.garciafaura.com\\\/wp-content\\\/uploads\\\/2018\\\/11\\\/Hotel-Sofia-Sitges-12.jpg&quot;,&quot;title&quot;:&quot;Cerramientos y fachada exterior de este establecimiento hotelero del centro de Sitges&quot;},{&quot;src&quot;:&quot;https:\\\/\\\/www.garciafaura.com\\\/wp-content\\\/uploads\\\/2018\\\/11\\\/Hotel-Sofia-Sitges-11.jpg&quot;,&quot;title&quot;:&quot;Cerramientos y fachada exterior de este establecimiento hotelero del centro de Sitges&quot;},{&quot;src&quot;:&quot;https:\\\/\\\/www.garciafaura.com\\\/wp-content\\\/uploads\\\/2018\\\/11\\\/Hotel-Sofia-Sitges-10.jpg&quot;,&quot;title&quot;:&quot;Cerramientos y fachada exterior de este establecimiento hotelero del centro de Sitges&quot;},{&quot;src&quot;:&quot;https:\\\/\\\/www.garciafaura.com\\\/wp-content\\\/uploads\\\/2018\\\/11\\\/Hotel-Sofia-Sitges-09.jpg&quot;,&quot;title&quot;:&quot;Cerramientos y fachada exterior de este establecimiento hotelero del centro de Sitges&quot;},{&quot;src&quot;:&quot;https:\\\/\\\/www.garciafaura.com\\\/wp-content\\\/uploads\\\/2018\\\/11\\\/Hotel-Sofia-Sitges-08.jpg&quot;,&quot;title&quot;:&quot;Cerramientos y fachada exterior de este establecimiento hotelero del centro de Sitges&quot;},{&quot;src&quot;:&quot;https:\\\/\\\/www.garciafaura.com\\\/wp-content\\\/uploads\\\/2018\\\/11\\\/Hotel-Sofia-Sitges-07.jpg&quot;,&quot;title&quot;:&quot;Cerramientos y fachada exterior de este establecimiento hotelero del centro de Sitges&quot;},{&quot;src&quot;:&quot;https:\\\/\\\/www.garciafaura.com\\\/wp-content\\\/uploads\\\/2018\\\/11\\\/Hotel-Sofia-Sitges-06.jpg&quot;,&quot;title&quot;:&quot;Cerramientos y fachada exterior de este establecimiento hotelero del centro de Sitges&quot;},{&quot;src&quot;:&quot;https:\\\/\\\/www.garciafaura.com\\\/wp-content\\\/uploads\\\/2018\\\/11\\\/Hotel-Sofia-Sitges-05.jpg&quot;,&quot;title&quot;:&quot;Cerramientos y fachada exterior de este establecimiento hotelero del centro de Sitges&quot;},{&quot;src&quot;:&quot;https:\\\/\\\/www.garciafaura.com\\\/wp-content\\\/uploads\\\/2018\\\/11\\\/Hotel-Sofia-Sitges-04.jpg&quot;,&quot;title&quot;:&quot;Cerramientos y fachada exterior de este establecimiento hotelero del centro de Sitges&quot;},{&quot;src&quot;:&quot;https:\\\/\\\/www.garciafaura.com\\\/wp-content\\\/uploads\\\/2018\\\/11\\\/Hotel-Sofia-Sitges-03.jpg&quot;,&quot;title&quot;:&quot;Cerramientos y fachada exterior de este establecimiento hotelero del centro de Sitges&quot;},{&quot;src&quot;:&quot;https:\\\/\\\/www.garciafaura.com\\\/wp-content\\\/uploads\\\/2018\\\/11\\\/Hotel-Sofia-Sitges-02.jpg&quot;,&quot;title&quot;:&quot;Cerramientos y fachada exterior de este establecimiento hotelero del centro de Sitges&quot;}]\"><img loading=\"lazy\" decoding=\"async\" data-no-lazy=\"1\" class=\"portfolio-entry-img skip-lazy\" src=\"https:\/\/www.garciafaura.com\/wp-content\/uploads\/2018\/11\/Hotel-Sofia-Sitges-02-600x314.jpg\" alt=\"Cerramientos Y Fachada Exterior De Este Establecimiento Hotelero Del Centro De Sitges\" data-no-retina width=\"600\" height=\"314\" \/><\/a><\/div><div class=\"portfolio-entry-details entry-details wpex-clr\"><div class=\"match-height-content\"><h2 class=\"portfolio-entry-title entry-title\"><a href=\"https:\/\/www.garciafaura.com\/es\/portfolio-item\/hotel-sofia\/\" title=\"Hotel Sofia\">Hotel Sofia<\/a><\/h2><div class=\"portfolio-entry-categories entry-categories wpex-clr\"><a href=\"https:\/\/www.garciafaura.com\/es\/portfolio-category\/fachadas\/\" class=\"term-51\">Fachadas<\/a><\/div><\/div><\/div><\/div><\/div><div class=\"portfolio-entry vcex-grid-item entry-has-details span_1_of_3 col col-1 vcex-isotope-entry vcex-no-margin-entry post-18030 entry type-portfolio has-media cat-49 cat-50 cat-51 cat-52 translation_priority-6\"><div class=\"portfolio-entry-inner entry-inner wpex-clr\"><div class=\"portfolio-entry-media entry-media wpex-clr\"><a href=\"https:\/\/www.garciafaura.com\/wp-content\/uploads\/2018\/11\/Centre-Tecnolo\u0300gic-Manresa-19.jpg\" title=\"CTM Centro Tecnol\u00f3gico de Manresa\" class=\"portfolio-entry-media-link wpex-lightbox-gallery\" data-gallery=\"[{&quot;src&quot;:&quot;https:\\\/\\\/www.garciafaura.com\\\/wp-content\\\/uploads\\\/2018\\\/11\\\/Centre-Tecnolo\\u0300gic-Manresa-01.jpg&quot;,&quot;title&quot;:&quot;Fabricaci\\u00f3n e instalaci\\u00f3n de cerramientos, muro cortina y revestimiento fachada&quot;},{&quot;src&quot;:&quot;https:\\\/\\\/www.garciafaura.com\\\/wp-content\\\/uploads\\\/2018\\\/11\\\/Centre-Tecnolo\\u0300gic-Manresa-19.jpg&quot;,&quot;title&quot;:&quot;Fabricaci\\u00f3n e instalaci\\u00f3n de cerramientos, muro cortina y revestimiento fachada&quot;},{&quot;src&quot;:&quot;https:\\\/\\\/www.garciafaura.com\\\/wp-content\\\/uploads\\\/2018\\\/11\\\/Centre-Tecnolo\\u0300gic-Manresa-18.jpg&quot;,&quot;title&quot;:&quot;Fabricaci\\u00f3n e instalaci\\u00f3n de cerramientos, muro cortina y revestimiento fachada&quot;},{&quot;src&quot;:&quot;https:\\\/\\\/www.garciafaura.com\\\/wp-content\\\/uploads\\\/2018\\\/11\\\/Centre-Tecnolo\\u0300gic-Manresa-17.jpg&quot;,&quot;title&quot;:&quot;Fabricaci\\u00f3n e instalaci\\u00f3n de cerramientos, muro cortina y revestimiento fachada&quot;},{&quot;src&quot;:&quot;https:\\\/\\\/www.garciafaura.com\\\/wp-content\\\/uploads\\\/2018\\\/11\\\/Centre-Tecnolo\\u0300gic-Manresa-16.jpg&quot;,&quot;title&quot;:&quot;Fabricaci\\u00f3n e instalaci\\u00f3n de cerramientos, muro cortina y revestimiento fachada&quot;},{&quot;src&quot;:&quot;https:\\\/\\\/www.garciafaura.com\\\/wp-content\\\/uploads\\\/2018\\\/11\\\/Centre-Tecnolo\\u0300gic-Manresa-15.jpg&quot;,&quot;title&quot;:&quot;Fabricaci\\u00f3n e instalaci\\u00f3n de cerramientos, muro cortina y revestimiento fachada&quot;},{&quot;src&quot;:&quot;https:\\\/\\\/www.garciafaura.com\\\/wp-content\\\/uploads\\\/2018\\\/11\\\/Centre-Tecnolo\\u0300gic-Manresa-14.jpg&quot;,&quot;title&quot;:&quot;Fabricaci\\u00f3n e instalaci\\u00f3n de cerramientos, muro cortina y revestimiento fachada&quot;},{&quot;src&quot;:&quot;https:\\\/\\\/www.garciafaura.com\\\/wp-content\\\/uploads\\\/2018\\\/11\\\/Centre-Tecnolo\\u0300gic-Manresa-13.jpg&quot;,&quot;title&quot;:&quot;Fabricaci\\u00f3n e instalaci\\u00f3n de cerramientos, muro cortina y revestimiento fachada&quot;},{&quot;src&quot;:&quot;https:\\\/\\\/www.garciafaura.com\\\/wp-content\\\/uploads\\\/2018\\\/11\\\/Centre-Tecnolo\\u0300gic-Manresa-12.jpg&quot;,&quot;title&quot;:&quot;Fabricaci\\u00f3n e instalaci\\u00f3n de cerramientos, muro cortina y revestimiento fachada&quot;},{&quot;src&quot;:&quot;https:\\\/\\\/www.garciafaura.com\\\/wp-content\\\/uploads\\\/2018\\\/11\\\/Centre-Tecnolo\\u0300gic-Manresa-11.jpg&quot;,&quot;title&quot;:&quot;Fabricaci\\u00f3n e instalaci\\u00f3n de cerramientos, muro cortina y revestimiento fachada&quot;},{&quot;src&quot;:&quot;https:\\\/\\\/www.garciafaura.com\\\/wp-content\\\/uploads\\\/2018\\\/11\\\/Centre-Tecnolo\\u0300gic-Manresa-10.jpg&quot;,&quot;title&quot;:&quot;Fabricaci\\u00f3n e instalaci\\u00f3n de cerramientos, muro cortina y revestimiento fachada&quot;},{&quot;src&quot;:&quot;https:\\\/\\\/www.garciafaura.com\\\/wp-content\\\/uploads\\\/2018\\\/11\\\/Centre-Tecnolo\\u0300gic-Manresa-09.jpg&quot;,&quot;title&quot;:&quot;Fabricaci\\u00f3n e instalaci\\u00f3n de cerramientos, muro cortina y revestimiento fachada&quot;},{&quot;src&quot;:&quot;https:\\\/\\\/www.garciafaura.com\\\/wp-content\\\/uploads\\\/2018\\\/11\\\/Centre-Tecnolo\\u0300gic-Manresa-08.jpg&quot;,&quot;title&quot;:&quot;Fabricaci\\u00f3n e instalaci\\u00f3n de cerramientos, muro cortina y revestimiento fachada&quot;},{&quot;src&quot;:&quot;https:\\\/\\\/www.garciafaura.com\\\/wp-content\\\/uploads\\\/2018\\\/11\\\/Centre-Tecnolo\\u0300gic-Manresa-07.jpg&quot;,&quot;title&quot;:&quot;Fabricaci\\u00f3n e instalaci\\u00f3n de cerramientos, muro cortina y revestimiento fachada&quot;},{&quot;src&quot;:&quot;https:\\\/\\\/www.garciafaura.com\\\/wp-content\\\/uploads\\\/2018\\\/11\\\/Centre-Tecnolo\\u0300gic-Manresa-06.jpg&quot;,&quot;title&quot;:&quot;Fabricaci\\u00f3n e instalaci\\u00f3n de cerramientos, muro cortina y revestimiento fachada&quot;},{&quot;src&quot;:&quot;https:\\\/\\\/www.garciafaura.com\\\/wp-content\\\/uploads\\\/2018\\\/11\\\/Centre-Tecnolo\\u0300gic-Manresa-05.jpg&quot;,&quot;title&quot;:&quot;Fabricaci\\u00f3n e instalaci\\u00f3n de cerramientos, muro cortina y revestimiento fachada&quot;},{&quot;src&quot;:&quot;https:\\\/\\\/www.garciafaura.com\\\/wp-content\\\/uploads\\\/2018\\\/11\\\/Centre-Tecnolo\\u0300gic-Manresa-04.jpg&quot;,&quot;title&quot;:&quot;Fabricaci\\u00f3n e instalaci\\u00f3n de cerramientos, muro cortina y revestimiento fachada&quot;},{&quot;src&quot;:&quot;https:\\\/\\\/www.garciafaura.com\\\/wp-content\\\/uploads\\\/2018\\\/11\\\/Centre-Tecnolo\\u0300gic-Manresa-03.jpg&quot;,&quot;title&quot;:&quot;Fabricaci\\u00f3n e instalaci\\u00f3n de cerramientos, muro cortina y revestimiento fachada&quot;},{&quot;src&quot;:&quot;https:\\\/\\\/www.garciafaura.com\\\/wp-content\\\/uploads\\\/2018\\\/11\\\/Centre-Tecnolo\\u0300gic-Manresa-02.jpg&quot;,&quot;title&quot;:&quot;Fabricaci\\u00f3n e instalaci\\u00f3n de cerramientos, muro cortina y revestimiento fachada&quot;}]\"><img loading=\"lazy\" decoding=\"async\" data-no-lazy=\"1\" class=\"portfolio-entry-img skip-lazy\" src=\"https:\/\/www.garciafaura.com\/wp-content\/uploads\/2018\/11\/Centre-Tecnolo\u0300gic-Manresa-19-600x314.jpg\" alt=\"Fabricaci\u00f3n E Instalaci\u00f3n De Cerramientos, Muro Cortina Y Revestimiento Fachada\" data-no-retina width=\"600\" height=\"314\" \/><\/a><\/div><div class=\"portfolio-entry-details entry-details wpex-clr\"><div class=\"match-height-content\"><h2 class=\"portfolio-entry-title entry-title\"><a href=\"https:\/\/www.garciafaura.com\/es\/portfolio-item\/ctm-centro-tecnologico-de-manresa\/\" title=\"CTM Centro Tecnol\u00f3gico de Manresa\">CTM Centro Tecnol\u00f3gico de Manresa<\/a><\/h2><div class=\"portfolio-entry-categories entry-categories wpex-clr\"><a href=\"https:\/\/www.garciafaura.com\/es\/portfolio-category\/edificios-de-servicios\/\" class=\"term-49\">Edificios de Servicios<\/a><\/div><\/div><\/div><\/div><\/div><div class=\"portfolio-entry vcex-grid-item entry-has-details span_1_of_3 col col-2 vcex-isotope-entry vcex-no-margin-entry post-17990 entry type-portfolio has-media cat-45 cat-51 cat-55 cat-56 translation_priority-6\"><div class=\"portfolio-entry-inner entry-inner wpex-clr\"><div class=\"portfolio-entry-media entry-media wpex-clr\"><a href=\"https:\/\/www.garciafaura.com\/wp-content\/uploads\/2018\/11\/Colombia-Centro-Empresarial-99-01.jpg\" title=\"Centro Empresarial 99\" class=\"portfolio-entry-media-link wpex-lightbox-gallery\" data-gallery=\"[{&quot;src&quot;:&quot;https:\\\/\\\/www.garciafaura.com\\\/wp-content\\\/uploads\\\/2018\\\/11\\\/Colombia-Centro-Empresarial-99-01.jpg&quot;,&quot;title&quot;:&quot;M\\u00e1s de 1.400 m2 de muro cortina de tapeta horizontal tipo ala de avi\\u00f3n&quot;},{&quot;src&quot;:&quot;https:\\\/\\\/www.garciafaura.com\\\/wp-content\\\/uploads\\\/2018\\\/11\\\/Colombia-Centro-Empresarial-99-30.jpg&quot;,&quot;title&quot;:&quot;M\\u00e1s de 1.400 m2 de muro cortina de tapeta horizontal tipo ala de avi\\u00f3n&quot;},{&quot;src&quot;:&quot;https:\\\/\\\/www.garciafaura.com\\\/wp-content\\\/uploads\\\/2018\\\/11\\\/Colombia-Centro-Empresarial-99-28.jpg&quot;,&quot;title&quot;:&quot;M\\u00e1s de 1.400 m2 de muro cortina de tapeta horizontal tipo ala de avi\\u00f3n&quot;},{&quot;src&quot;:&quot;https:\\\/\\\/www.garciafaura.com\\\/wp-content\\\/uploads\\\/2018\\\/11\\\/Colombia-Centro-Empresarial-99-29.jpg&quot;,&quot;title&quot;:&quot;M\\u00e1s de 1.400 m2 de muro cortina de tapeta horizontal tipo ala de avi\\u00f3n&quot;},{&quot;src&quot;:&quot;https:\\\/\\\/www.garciafaura.com\\\/wp-content\\\/uploads\\\/2018\\\/11\\\/Colombia-Centro-Empresarial-99-27.jpg&quot;,&quot;title&quot;:&quot;M\\u00e1s de 1.400 m2 de muro cortina de tapeta horizontal tipo ala de avi\\u00f3n&quot;},{&quot;src&quot;:&quot;https:\\\/\\\/www.garciafaura.com\\\/wp-content\\\/uploads\\\/2018\\\/11\\\/Colombia-Centro-Empresarial-99-26.jpg&quot;,&quot;title&quot;:&quot;M\\u00e1s de 1.400 m2 de muro cortina de tapeta horizontal tipo ala de avi\\u00f3n&quot;},{&quot;src&quot;:&quot;https:\\\/\\\/www.garciafaura.com\\\/wp-content\\\/uploads\\\/2018\\\/11\\\/Colombia-Centro-Empresarial-99-25.jpg&quot;,&quot;title&quot;:&quot;M\\u00e1s de 1.400 m2 de muro cortina de tapeta horizontal tipo ala de avi\\u00f3n&quot;},{&quot;src&quot;:&quot;https:\\\/\\\/www.garciafaura.com\\\/wp-content\\\/uploads\\\/2018\\\/11\\\/Colombia-Centro-Empresarial-99-24.jpg&quot;,&quot;title&quot;:&quot;M\\u00e1s de 1.400 m2 de muro cortina de tapeta horizontal tipo ala de avi\\u00f3n&quot;},{&quot;src&quot;:&quot;https:\\\/\\\/www.garciafaura.com\\\/wp-content\\\/uploads\\\/2018\\\/11\\\/Colombia-Centro-Empresarial-99-23.jpg&quot;,&quot;title&quot;:&quot;M\\u00e1s de 1.400 m2 de muro cortina de tapeta horizontal tipo ala de avi\\u00f3n&quot;},{&quot;src&quot;:&quot;https:\\\/\\\/www.garciafaura.com\\\/wp-content\\\/uploads\\\/2018\\\/11\\\/Colombia-Centro-Empresarial-99-22.jpg&quot;,&quot;title&quot;:&quot;M\\u00e1s de 1.400 m2 de muro cortina de tapeta horizontal tipo ala de avi\\u00f3n&quot;},{&quot;src&quot;:&quot;https:\\\/\\\/www.garciafaura.com\\\/wp-content\\\/uploads\\\/2018\\\/11\\\/Colombia-Centro-Empresarial-99-21.jpg&quot;,&quot;title&quot;:&quot;M\\u00e1s de 1.400 m2 de muro cortina de tapeta horizontal tipo ala de avi\\u00f3n&quot;},{&quot;src&quot;:&quot;https:\\\/\\\/www.garciafaura.com\\\/wp-content\\\/uploads\\\/2018\\\/11\\\/Colombia-Centro-Empresarial-99-20.jpg&quot;,&quot;title&quot;:&quot;M\\u00e1s de 1.400 m2 de muro cortina de tapeta horizontal tipo ala de avi\\u00f3n&quot;},{&quot;src&quot;:&quot;https:\\\/\\\/www.garciafaura.com\\\/wp-content\\\/uploads\\\/2018\\\/11\\\/Colombia-Centro-Empresarial-99-19.jpg&quot;,&quot;title&quot;:&quot;M\\u00e1s de 1.400 m2 de muro cortina de tapeta horizontal tipo ala de avi\\u00f3n&quot;},{&quot;src&quot;:&quot;https:\\\/\\\/www.garciafaura.com\\\/wp-content\\\/uploads\\\/2018\\\/11\\\/Colombia-Centro-Empresarial-99-18.jpg&quot;,&quot;title&quot;:&quot;M\\u00e1s de 1.400 m2 de muro cortina de tapeta horizontal tipo ala de avi\\u00f3n&quot;},{&quot;src&quot;:&quot;https:\\\/\\\/www.garciafaura.com\\\/wp-content\\\/uploads\\\/2018\\\/11\\\/Colombia-Centro-Empresarial-99-17.jpg&quot;,&quot;title&quot;:&quot;M\\u00e1s de 1.400 m2 de muro cortina de tapeta horizontal tipo ala de avi\\u00f3n&quot;},{&quot;src&quot;:&quot;https:\\\/\\\/www.garciafaura.com\\\/wp-content\\\/uploads\\\/2018\\\/11\\\/Colombia-Centro-Empresarial-99-16.jpg&quot;,&quot;title&quot;:&quot;M\\u00e1s de 1.400 m2 de muro cortina de tapeta horizontal tipo ala de avi\\u00f3n&quot;},{&quot;src&quot;:&quot;https:\\\/\\\/www.garciafaura.com\\\/wp-content\\\/uploads\\\/2018\\\/11\\\/Colombia-Centro-Empresarial-99-15.jpg&quot;,&quot;title&quot;:&quot;M\\u00e1s de 1.400 m2 de muro cortina de tapeta horizontal tipo ala de avi\\u00f3n&quot;},{&quot;src&quot;:&quot;https:\\\/\\\/www.garciafaura.com\\\/wp-content\\\/uploads\\\/2018\\\/11\\\/Colombia-Centro-Empresarial-99-14.jpg&quot;,&quot;title&quot;:&quot;M\\u00e1s de 1.400 m2 de muro cortina de tapeta horizontal tipo ala de avi\\u00f3n&quot;},{&quot;src&quot;:&quot;https:\\\/\\\/www.garciafaura.com\\\/wp-content\\\/uploads\\\/2018\\\/11\\\/Colombia-Centro-Empresarial-99-13.jpg&quot;,&quot;title&quot;:&quot;M\\u00e1s de 1.400 m2 de muro cortina de tapeta horizontal tipo ala de avi\\u00f3n&quot;},{&quot;src&quot;:&quot;https:\\\/\\\/www.garciafaura.com\\\/wp-content\\\/uploads\\\/2018\\\/11\\\/Colombia-Centro-Empresarial-99-12.jpg&quot;,&quot;title&quot;:&quot;M\\u00e1s de 1.400 m2 de muro cortina de tapeta horizontal tipo ala de avi\\u00f3n&quot;},{&quot;src&quot;:&quot;https:\\\/\\\/www.garciafaura.com\\\/wp-content\\\/uploads\\\/2018\\\/11\\\/Colombia-Centro-Empresarial-99-11.jpg&quot;,&quot;title&quot;:&quot;M\\u00e1s de 1.400 m2 de muro cortina de tapeta horizontal tipo ala de avi\\u00f3n&quot;},{&quot;src&quot;:&quot;https:\\\/\\\/www.garciafaura.com\\\/wp-content\\\/uploads\\\/2018\\\/11\\\/Colombia-Centro-Empresarial-99-10.jpg&quot;,&quot;title&quot;:&quot;M\\u00e1s de 1.400 m2 de muro cortina de tapeta horizontal tipo ala de avi\\u00f3n&quot;},{&quot;src&quot;:&quot;https:\\\/\\\/www.garciafaura.com\\\/wp-content\\\/uploads\\\/2018\\\/11\\\/Colombia-Centro-Empresarial-99-09.jpg&quot;,&quot;title&quot;:&quot;M\\u00e1s de 1.400 m2 de muro cortina de tapeta horizontal tipo ala de avi\\u00f3n&quot;},{&quot;src&quot;:&quot;https:\\\/\\\/www.garciafaura.com\\\/wp-content\\\/uploads\\\/2018\\\/11\\\/Colombia-Centro-Empresarial-99-08.jpg&quot;,&quot;title&quot;:&quot;M\\u00e1s de 1.400 m2 de muro cortina de tapeta horizontal tipo ala de avi\\u00f3n&quot;},{&quot;src&quot;:&quot;https:\\\/\\\/www.garciafaura.com\\\/wp-content\\\/uploads\\\/2018\\\/11\\\/Colombia-Centro-Empresarial-99-07.jpg&quot;,&quot;title&quot;:&quot;M\\u00e1s de 1.400 m2 de muro cortina de tapeta horizontal tipo ala de avi\\u00f3n&quot;},{&quot;src&quot;:&quot;https:\\\/\\\/www.garciafaura.com\\\/wp-content\\\/uploads\\\/2018\\\/11\\\/Colombia-Centro-Empresarial-99-06.jpg&quot;,&quot;title&quot;:&quot;M\\u00e1s de 1.400 m2 de muro cortina de tapeta horizontal tipo ala de avi\\u00f3n&quot;},{&quot;src&quot;:&quot;https:\\\/\\\/www.garciafaura.com\\\/wp-content\\\/uploads\\\/2018\\\/11\\\/Colombia-Centro-Empresarial-99-05.jpg&quot;,&quot;title&quot;:&quot;M\\u00e1s de 1.400 m2 de muro cortina de tapeta horizontal tipo ala de avi\\u00f3n&quot;},{&quot;src&quot;:&quot;https:\\\/\\\/www.garciafaura.com\\\/wp-content\\\/uploads\\\/2018\\\/11\\\/Colombia-Centro-Empresarial-99-04.jpg&quot;,&quot;title&quot;:&quot;M\\u00e1s de 1.400 m2 de muro cortina de tapeta horizontal tipo ala de avi\\u00f3n&quot;},{&quot;src&quot;:&quot;https:\\\/\\\/www.garciafaura.com\\\/wp-content\\\/uploads\\\/2018\\\/11\\\/Colombia-Centro-Empresarial-99-03.jpg&quot;,&quot;title&quot;:&quot;M\\u00e1s de 1.400 m2 de muro cortina de tapeta horizontal tipo ala de avi\\u00f3n&quot;},{&quot;src&quot;:&quot;https:\\\/\\\/www.garciafaura.com\\\/wp-content\\\/uploads\\\/2018\\\/11\\\/Colombia-Centro-Empresarial-99-02.jpg&quot;,&quot;title&quot;:&quot;M\\u00e1s de 1.400 m2 de muro cortina de tapeta horizontal tipo ala de avi\\u00f3n&quot;}]\"><img loading=\"lazy\" decoding=\"async\" data-no-lazy=\"1\" class=\"portfolio-entry-img skip-lazy\" src=\"https:\/\/www.garciafaura.com\/wp-content\/uploads\/2018\/11\/Colombia-Centro-Empresarial-99-01-600x314.jpg\" alt=\"M\u00e1s De 1.400 M2 De Muro Cortina De Tapeta Horizontal Tipo Ala De Avi\u00f3n\" data-no-retina width=\"600\" height=\"314\" \/><\/a><\/div><div class=\"portfolio-entry-details entry-details wpex-clr\"><div class=\"match-height-content\"><h2 class=\"portfolio-entry-title entry-title\"><a href=\"https:\/\/www.garciafaura.com\/es\/portfolio-item\/centro-empresarial-99\/\" title=\"Centro Empresarial 99\">Centro Empresarial 99<\/a><\/h2><div class=\"portfolio-entry-categories entry-categories wpex-clr\"><a href=\"https:\/\/www.garciafaura.com\/es\/portfolio-category\/edificios-corporativos\/\" class=\"term-45\">Edificios Corporativos<\/a><\/div><\/div><\/div><\/div><\/div><div class=\"portfolio-entry vcex-grid-item entry-has-details span_1_of_3 col col-3 vcex-isotope-entry vcex-no-margin-entry post-17981 entry type-portfolio has-media cat-51 cat-118 cat-119 cat-58 cat-59 translation_priority-6\"><div class=\"portfolio-entry-inner entry-inner wpex-clr\"><div class=\"portfolio-entry-media entry-media wpex-clr\"><a href=\"https:\/\/www.garciafaura.com\/wp-content\/uploads\/2018\/11\/Rehabilitacio\u0301-Mercat-del-Ninot-01.jpg\" title=\"Rehabilitaci\u00f3n Mercat del Ninot\" class=\"portfolio-entry-media-link wpex-lightbox-gallery\" data-gallery=\"[{&quot;src&quot;:&quot;https:\\\/\\\/www.garciafaura.com\\\/wp-content\\\/uploads\\\/2018\\\/11\\\/Rehabilitacio\\u0301-Mercat-del-Ninot-01.jpg&quot;,&quot;title&quot;:&quot;Fachada y cerramientos exteriores de este emblem\\u00e0tico mercado de Barcelona&quot;},{&quot;src&quot;:&quot;https:\\\/\\\/www.garciafaura.com\\\/wp-content\\\/uploads\\\/2018\\\/11\\\/Rehabilitacio\\u0301-Mercat-del-Ninot-16.jpg&quot;,&quot;title&quot;:&quot;Fachada y cerramientos exteriores de este emblem\\u00e0tico mercado de Barcelona&quot;},{&quot;src&quot;:&quot;https:\\\/\\\/www.garciafaura.com\\\/wp-content\\\/uploads\\\/2018\\\/11\\\/Rehabilitacio\\u0301-Mercat-del-Ninot-15.jpg&quot;,&quot;title&quot;:&quot;Fachada y cerramientos exteriores de este emblem\\u00e0tico mercado de Barcelona&quot;},{&quot;src&quot;:&quot;https:\\\/\\\/www.garciafaura.com\\\/wp-content\\\/uploads\\\/2018\\\/11\\\/Rehabilitacio\\u0301-Mercat-del-Ninot-14.jpg&quot;,&quot;title&quot;:&quot;Fachada y cerramientos exteriores de este emblem\\u00e0tico mercado de Barcelona&quot;},{&quot;src&quot;:&quot;https:\\\/\\\/www.garciafaura.com\\\/wp-content\\\/uploads\\\/2018\\\/11\\\/Rehabilitacio\\u0301-Mercat-del-Ninot-13.jpg&quot;,&quot;title&quot;:&quot;Fachada y cerramientos exteriores de este emblem\\u00e0tico mercado de Barcelona&quot;},{&quot;src&quot;:&quot;https:\\\/\\\/www.garciafaura.com\\\/wp-content\\\/uploads\\\/2018\\\/11\\\/Rehabilitacio\\u0301-Mercat-del-Ninot-12.jpg&quot;,&quot;title&quot;:&quot;Fachada y cerramientos exteriores de este emblem\\u00e0tico mercado de Barcelona&quot;},{&quot;src&quot;:&quot;https:\\\/\\\/www.garciafaura.com\\\/wp-content\\\/uploads\\\/2018\\\/11\\\/Rehabilitacio\\u0301-Mercat-del-Ninot-11.jpg&quot;,&quot;title&quot;:&quot;Fachada y cerramientos exteriores de este emblem\\u00e0tico mercado de Barcelona&quot;},{&quot;src&quot;:&quot;https:\\\/\\\/www.garciafaura.com\\\/wp-content\\\/uploads\\\/2018\\\/11\\\/Rehabilitacio\\u0301-Mercat-del-Ninot-10.jpg&quot;,&quot;title&quot;:&quot;Fachada y cerramientos exteriores de este emblem\\u00e0tico mercado de Barcelona&quot;},{&quot;src&quot;:&quot;https:\\\/\\\/www.garciafaura.com\\\/wp-content\\\/uploads\\\/2018\\\/11\\\/Rehabilitacio\\u0301-Mercat-del-Ninot-09.jpg&quot;,&quot;title&quot;:&quot;Fachada y cerramientos exteriores de este emblem\\u00e0tico mercado de Barcelona&quot;},{&quot;src&quot;:&quot;https:\\\/\\\/www.garciafaura.com\\\/wp-content\\\/uploads\\\/2018\\\/11\\\/Rehabilitacio\\u0301-Mercat-del-Ninot-08.jpg&quot;,&quot;title&quot;:&quot;Fachada y cerramientos exteriores de este emblem\\u00e0tico mercado de Barcelona&quot;},{&quot;src&quot;:&quot;https:\\\/\\\/www.garciafaura.com\\\/wp-content\\\/uploads\\\/2018\\\/11\\\/Rehabilitacio\\u0301-Mercat-del-Ninot-07.jpg&quot;,&quot;title&quot;:&quot;Fachada y cerramientos exteriores de este emblem\\u00e0tico mercado de Barcelona&quot;},{&quot;src&quot;:&quot;https:\\\/\\\/www.garciafaura.com\\\/wp-content\\\/uploads\\\/2018\\\/11\\\/Rehabilitacio\\u0301-Mercat-del-Ninot-06.jpg&quot;,&quot;title&quot;:&quot;Fachada y cerramientos exteriores de este emblem\\u00e0tico mercado de Barcelona&quot;},{&quot;src&quot;:&quot;https:\\\/\\\/www.garciafaura.com\\\/wp-content\\\/uploads\\\/2018\\\/11\\\/Rehabilitacio\\u0301-Mercat-del-Ninot-05.jpg&quot;,&quot;title&quot;:&quot;Fachada y cerramientos exteriores de este emblem\\u00e0tico mercado de Barcelona&quot;},{&quot;src&quot;:&quot;https:\\\/\\\/www.garciafaura.com\\\/wp-content\\\/uploads\\\/2018\\\/11\\\/Rehabilitacio\\u0301-Mercat-del-Ninot-04.jpg&quot;,&quot;title&quot;:&quot;Fachada y cerramientos exteriores de este emblem\\u00e0tico mercado de Barcelona&quot;},{&quot;src&quot;:&quot;https:\\\/\\\/www.garciafaura.com\\\/wp-content\\\/uploads\\\/2018\\\/11\\\/Rehabilitacio\\u0301-Mercat-del-Ninot-03.jpg&quot;,&quot;title&quot;:&quot;Fachada y cerramientos exteriores de este emblem\\u00e0tico mercado de Barcelona&quot;},{&quot;src&quot;:&quot;https:\\\/\\\/www.garciafaura.com\\\/wp-content\\\/uploads\\\/2018\\\/11\\\/Rehabilitacio\\u0301-Mercat-del-Ninot-02.jpg&quot;,&quot;title&quot;:&quot;Fachada y cerramientos exteriores de este emblem\\u00e0tico mercado de Barcelona&quot;}]\"><img loading=\"lazy\" decoding=\"async\" data-no-lazy=\"1\" class=\"portfolio-entry-img skip-lazy\" src=\"https:\/\/www.garciafaura.com\/wp-content\/uploads\/2018\/11\/Rehabilitacio\u0301-Mercat-del-Ninot-01-600x314.jpg\" alt=\"Fachada Y Cerramientos Exteriores De Este Emblem\u00e0tico Mercado De Barcelona\" data-no-retina width=\"600\" height=\"314\" \/><\/a><\/div><div class=\"portfolio-entry-details entry-details wpex-clr\"><div class=\"match-height-content\"><h2 class=\"portfolio-entry-title entry-title\"><a href=\"https:\/\/www.garciafaura.com\/es\/portfolio-item\/rehabilitacion-mercat-del-ninot\/\" title=\"Rehabilitaci\u00f3n Mercat del Ninot\">Rehabilitaci\u00f3n Mercat del Ninot<\/a><\/h2><div class=\"portfolio-entry-categories entry-categories wpex-clr\"><a href=\"https:\/\/www.garciafaura.com\/es\/portfolio-category\/fachadas\/\" class=\"term-51\">Fachadas<\/a><\/div><\/div><\/div><\/div><\/div><div class=\"portfolio-entry vcex-grid-item entry-has-details span_1_of_3 col col-1 vcex-isotope-entry vcex-no-margin-entry post-17926 entry type-portfolio has-media cat-49 cat-50 cat-51 cat-52 cat-55 cat-56 translation_priority-6\"><div class=\"portfolio-entry-inner entry-inner wpex-clr\"><div class=\"portfolio-entry-media entry-media wpex-clr\"><a href=\"https:\/\/www.garciafaura.com\/wp-content\/uploads\/2018\/10\/Centro-Gestio\u0301n-Aeroportuaria-01.jpg\" title=\"Centro Gesti\u00f3n Aeroportuaria de Colombia\" class=\"portfolio-entry-media-link wpex-lightbox-gallery\" data-gallery=\"[{&quot;src&quot;:&quot;https:\\\/\\\/www.garciafaura.com\\\/wp-content\\\/uploads\\\/2018\\\/10\\\/Centro-Gestio\\u0301n-Aeroportuaria-01.jpg&quot;,&quot;title&quot;:&quot;Fachadas y cerramientos a la ampliaci\\u00f3n del Aeropuerto Internacional El Dorado&quot;},{&quot;src&quot;:&quot;https:\\\/\\\/www.garciafaura.com\\\/wp-content\\\/uploads\\\/2018\\\/10\\\/Centro-Gestio\\u0301n-Aeroportuaria-11.jpg&quot;,&quot;title&quot;:&quot;Fachadas y cerramientos a la ampliaci\\u00f3n del Aeropuerto Internacional El Dorado&quot;},{&quot;src&quot;:&quot;https:\\\/\\\/www.garciafaura.com\\\/wp-content\\\/uploads\\\/2018\\\/10\\\/Centro-Gestio\\u0301n-Aeroportuaria-10.jpg&quot;,&quot;title&quot;:&quot;Fachadas y cerramientos a la ampliaci\\u00f3n del Aeropuerto Internacional El Dorado&quot;},{&quot;src&quot;:&quot;https:\\\/\\\/www.garciafaura.com\\\/wp-content\\\/uploads\\\/2018\\\/10\\\/Centro-Gestio\\u0301n-Aeroportuaria-09.jpg&quot;,&quot;title&quot;:&quot;Fachadas y cerramientos a la ampliaci\\u00f3n del Aeropuerto Internacional El Dorado&quot;},{&quot;src&quot;:&quot;https:\\\/\\\/www.garciafaura.com\\\/wp-content\\\/uploads\\\/2018\\\/10\\\/Centro-Gestio\\u0301n-Aeroportuaria-08.jpg&quot;,&quot;title&quot;:&quot;Fachadas y cerramientos a la ampliaci\\u00f3n del Aeropuerto Internacional El Dorado&quot;},{&quot;src&quot;:&quot;https:\\\/\\\/www.garciafaura.com\\\/wp-content\\\/uploads\\\/2018\\\/10\\\/Centro-Gestio\\u0301n-Aeroportuaria-07.jpg&quot;,&quot;title&quot;:&quot;Fachadas y cerramientos a la ampliaci\\u00f3n del Aeropuerto Internacional El Dorado&quot;},{&quot;src&quot;:&quot;https:\\\/\\\/www.garciafaura.com\\\/wp-content\\\/uploads\\\/2018\\\/10\\\/Centro-Gestio\\u0301n-Aeroportuaria-06.jpg&quot;,&quot;title&quot;:&quot;Fachadas y cerramientos a la ampliaci\\u00f3n del Aeropuerto Internacional El Dorado&quot;},{&quot;src&quot;:&quot;https:\\\/\\\/www.garciafaura.com\\\/wp-content\\\/uploads\\\/2018\\\/10\\\/Centro-Gestio\\u0301n-Aeroportuaria-05.jpg&quot;,&quot;title&quot;:&quot;Fachadas y cerramientos a la ampliaci\\u00f3n del Aeropuerto Internacional El Dorado&quot;},{&quot;src&quot;:&quot;https:\\\/\\\/www.garciafaura.com\\\/wp-content\\\/uploads\\\/2018\\\/10\\\/Centro-Gestio\\u0301n-Aeroportuaria-04.jpg&quot;,&quot;title&quot;:&quot;Fachadas y cerramientos a la ampliaci\\u00f3n del Aeropuerto Internacional El Dorado&quot;},{&quot;src&quot;:&quot;https:\\\/\\\/www.garciafaura.com\\\/wp-content\\\/uploads\\\/2018\\\/10\\\/Centro-Gestio\\u0301n-Aeroportuaria-03.jpg&quot;,&quot;title&quot;:&quot;Fachadas y cerramientos a la ampliaci\\u00f3n del Aeropuerto Internacional El Dorado&quot;},{&quot;src&quot;:&quot;https:\\\/\\\/www.garciafaura.com\\\/wp-content\\\/uploads\\\/2018\\\/10\\\/Centro-Gestio\\u0301n-Aeroportuaria-02.jpg&quot;,&quot;title&quot;:&quot;Fachadas y cerramientos a la ampliaci\\u00f3n del Aeropuerto Internacional El Dorado&quot;}]\"><img loading=\"lazy\" decoding=\"async\" data-no-lazy=\"1\" class=\"portfolio-entry-img skip-lazy\" src=\"https:\/\/www.garciafaura.com\/wp-content\/uploads\/2018\/10\/Centro-Gestio\u0301n-Aeroportuaria-01-600x314.jpg\" alt=\"Fachadas Y Cerramientos A La Ampliaci\u00f3n Del Aeropuerto Internacional El Dorado\" data-no-retina width=\"600\" height=\"314\" \/><\/a><\/div><div class=\"portfolio-entry-details entry-details wpex-clr\"><div class=\"match-height-content\"><h2 class=\"portfolio-entry-title entry-title\"><a href=\"https:\/\/www.garciafaura.com\/es\/portfolio-item\/centro-gestion-aeroportuaria-de-colombia\/\" title=\"Centro Gesti\u00f3n Aeroportuaria de Colombia\">Centro Gesti\u00f3n Aeroportuaria de Colombia<\/a><\/h2><div class=\"portfolio-entry-categories entry-categories wpex-clr\"><a href=\"https:\/\/www.garciafaura.com\/es\/portfolio-category\/edificios-de-servicios\/\" class=\"term-49\">Edificios de Servicios<\/a><\/div><\/div><\/div><\/div><\/div><div class=\"portfolio-entry vcex-grid-item entry-has-details span_1_of_3 col col-2 vcex-isotope-entry vcex-no-margin-entry post-17895 entry type-portfolio has-media cat-45 cat-48 cat-51 cat-52 cat-58 cat-59 translation_priority-6\"><div class=\"portfolio-entry-inner entry-inner wpex-clr\"><div class=\"portfolio-entry-media entry-media wpex-clr\"><a href=\"https:\/\/www.garciafaura.com\/wp-content\/uploads\/2018\/10\/Oficines-Balmes-04.jpg\" title=\"Oficinas Balmes\" class=\"portfolio-entry-media-link wpex-lightbox-gallery\" data-gallery=\"[{&quot;src&quot;:&quot;https:\\\/\\\/www.garciafaura.com\\\/wp-content\\\/uploads\\\/2018\\\/10\\\/Oficines-Balmes-01.jpg&quot;,&quot;title&quot;:&quot;Fachada de muro cortina de perfiles met\\u00e1licos y m\\u00f3dulos de aluminio y vidrio de forma c\\u00fabica&quot;},{&quot;src&quot;:&quot;https:\\\/\\\/www.garciafaura.com\\\/wp-content\\\/uploads\\\/2018\\\/10\\\/Oficines-Balmes-10.jpg&quot;,&quot;title&quot;:&quot;Fachada de muro cortina de perfiles met\\u00e1licos y m\\u00f3dulos de aluminio y vidrio de forma c\\u00fabica&quot;},{&quot;src&quot;:&quot;https:\\\/\\\/www.garciafaura.com\\\/wp-content\\\/uploads\\\/2018\\\/10\\\/Oficines-Balmes-09.jpg&quot;,&quot;title&quot;:&quot;Fachada de muro cortina de perfiles met\\u00e1licos y m\\u00f3dulos de aluminio y vidrio de forma c\\u00fabica&quot;},{&quot;src&quot;:&quot;https:\\\/\\\/www.garciafaura.com\\\/wp-content\\\/uploads\\\/2018\\\/10\\\/Oficines-Balmes-08.jpg&quot;,&quot;title&quot;:&quot;Fachada de muro cortina de perfiles met\\u00e1licos y m\\u00f3dulos de aluminio y vidrio de forma c\\u00fabica&quot;},{&quot;src&quot;:&quot;https:\\\/\\\/www.garciafaura.com\\\/wp-content\\\/uploads\\\/2018\\\/10\\\/Oficines-Balmes-07.jpg&quot;,&quot;title&quot;:&quot;Fachada de muro cortina de perfiles met\\u00e1licos y m\\u00f3dulos de aluminio y vidrio de forma c\\u00fabica&quot;},{&quot;src&quot;:&quot;https:\\\/\\\/www.garciafaura.com\\\/wp-content\\\/uploads\\\/2018\\\/10\\\/Oficines-Balmes-06.jpg&quot;,&quot;title&quot;:&quot;Fachada de muro cortina de perfiles met\\u00e1licos y m\\u00f3dulos de aluminio y vidrio de forma c\\u00fabica&quot;},{&quot;src&quot;:&quot;https:\\\/\\\/www.garciafaura.com\\\/wp-content\\\/uploads\\\/2018\\\/10\\\/Oficines-Balmes-05.jpg&quot;,&quot;title&quot;:&quot;Fachada de muro cortina de perfiles met\\u00e1licos y m\\u00f3dulos de aluminio y vidrio de forma c\\u00fabica&quot;},{&quot;src&quot;:&quot;https:\\\/\\\/www.garciafaura.com\\\/wp-content\\\/uploads\\\/2018\\\/10\\\/Oficines-Balmes-04.jpg&quot;,&quot;title&quot;:&quot;Fachada de muro cortina de perfiles met\\u00e1licos y m\\u00f3dulos de aluminio y vidrio de forma c\\u00fabica&quot;},{&quot;src&quot;:&quot;https:\\\/\\\/www.garciafaura.com\\\/wp-content\\\/uploads\\\/2018\\\/10\\\/Oficines-Balmes-03.jpg&quot;,&quot;title&quot;:&quot;Fachada de muro cortina de perfiles met\\u00e1licos y m\\u00f3dulos de aluminio y vidrio de forma c\\u00fabica&quot;},{&quot;src&quot;:&quot;https:\\\/\\\/www.garciafaura.com\\\/wp-content\\\/uploads\\\/2018\\\/10\\\/Oficines-Balmes-02.jpg&quot;,&quot;title&quot;:&quot;Fachada de muro cortina de perfiles met\\u00e1licos y m\\u00f3dulos de aluminio y vidrio de forma c\\u00fabica&quot;}]\"><img loading=\"lazy\" decoding=\"async\" data-no-lazy=\"1\" class=\"portfolio-entry-img skip-lazy\" src=\"https:\/\/www.garciafaura.com\/wp-content\/uploads\/2018\/10\/Oficines-Balmes-04-600x314.jpg\" alt=\"Fachada De Muro Cortina De Perfiles Met\u00e1licos Y M\u00f3dulos De Aluminio Y Vidrio De Forma C\u00fabica\" data-no-retina width=\"600\" height=\"314\" \/><\/a><\/div><div class=\"portfolio-entry-details entry-details wpex-clr\"><div class=\"match-height-content\"><h2 class=\"portfolio-entry-title entry-title\"><a href=\"https:\/\/www.garciafaura.com\/es\/portfolio-item\/oficinas-balmes\/\" title=\"Oficinas Balmes\">Oficinas Balmes<\/a><\/h2><div class=\"portfolio-entry-categories entry-categories wpex-clr\"><a href=\"https:\/\/www.garciafaura.com\/es\/portfolio-category\/edificios-corporativos\/\" class=\"term-45\">Edificios Corporativos<\/a><\/div><\/div><\/div><\/div><\/div><div class=\"portfolio-entry vcex-grid-item entry-has-details span_1_of_3 col col-3 vcex-isotope-entry vcex-no-margin-entry post-17888 entry type-portfolio has-media cat-45 cat-48 cat-51 cat-52 cat-58 cat-59 translation_priority-6\"><div class=\"portfolio-entry-inner entry-inner wpex-clr\"><div class=\"portfolio-entry-media entry-media wpex-clr\"><a href=\"https:\/\/www.garciafaura.com\/wp-content\/uploads\/2018\/10\/Concessionari-Renault-Esplugues-07.jpg\" title=\"Concesionario Renault Dacia\" class=\"portfolio-entry-media-link wpex-lightbox-gallery\" data-gallery=\"[{&quot;src&quot;:&quot;https:\\\/\\\/www.garciafaura.com\\\/wp-content\\\/uploads\\\/2018\\\/10\\\/Concessionari-Renault-Esplugues-01.jpg&quot;,&quot;title&quot;:&quot;Nueva fachada de aluminio perforado y muro cortina&quot;},{&quot;src&quot;:&quot;https:\\\/\\\/www.garciafaura.com\\\/wp-content\\\/uploads\\\/2018\\\/10\\\/Concessionari-Renault-Esplugues-18.jpg&quot;,&quot;title&quot;:&quot;Nueva fachada de aluminio perforado y muro cortina&quot;},{&quot;src&quot;:&quot;https:\\\/\\\/www.garciafaura.com\\\/wp-content\\\/uploads\\\/2018\\\/10\\\/Concessionari-Renault-Esplugues-17.jpg&quot;,&quot;title&quot;:&quot;Nueva fachada de aluminio perforado y muro cortina&quot;},{&quot;src&quot;:&quot;https:\\\/\\\/www.garciafaura.com\\\/wp-content\\\/uploads\\\/2018\\\/10\\\/Concessionari-Renault-Esplugues-16.jpg&quot;,&quot;title&quot;:&quot;Nueva fachada de aluminio perforado y muro cortina&quot;},{&quot;src&quot;:&quot;https:\\\/\\\/www.garciafaura.com\\\/wp-content\\\/uploads\\\/2018\\\/10\\\/Concessionari-Renault-Esplugues-15.jpg&quot;,&quot;title&quot;:&quot;Nueva fachada de aluminio perforado y muro cortina&quot;},{&quot;src&quot;:&quot;https:\\\/\\\/www.garciafaura.com\\\/wp-content\\\/uploads\\\/2018\\\/10\\\/Concessionari-Renault-Esplugues-14.jpg&quot;,&quot;title&quot;:&quot;Nueva fachada de aluminio perforado y muro cortina&quot;},{&quot;src&quot;:&quot;https:\\\/\\\/www.garciafaura.com\\\/wp-content\\\/uploads\\\/2018\\\/10\\\/Concessionari-Renault-Esplugues-13.jpg&quot;,&quot;title&quot;:&quot;Nueva fachada de aluminio perforado y muro cortina&quot;},{&quot;src&quot;:&quot;https:\\\/\\\/www.garciafaura.com\\\/wp-content\\\/uploads\\\/2018\\\/10\\\/Concessionari-Renault-Esplugues-12.jpg&quot;,&quot;title&quot;:&quot;Nueva fachada de aluminio perforado y muro cortina&quot;},{&quot;src&quot;:&quot;https:\\\/\\\/www.garciafaura.com\\\/wp-content\\\/uploads\\\/2018\\\/10\\\/Concessionari-Renault-Esplugues-11.jpg&quot;,&quot;title&quot;:&quot;Nueva fachada de aluminio perforado y muro cortina&quot;},{&quot;src&quot;:&quot;https:\\\/\\\/www.garciafaura.com\\\/wp-content\\\/uploads\\\/2018\\\/10\\\/Concessionari-Renault-Esplugues-10.jpg&quot;,&quot;title&quot;:&quot;Nueva fachada de aluminio perforado y muro cortina&quot;},{&quot;src&quot;:&quot;https:\\\/\\\/www.garciafaura.com\\\/wp-content\\\/uploads\\\/2018\\\/10\\\/Concessionari-Renault-Esplugues-09.jpg&quot;,&quot;title&quot;:&quot;Nueva fachada de aluminio perforado y muro cortina&quot;},{&quot;src&quot;:&quot;https:\\\/\\\/www.garciafaura.com\\\/wp-content\\\/uploads\\\/2018\\\/10\\\/Concessionari-Renault-Esplugues-08.jpg&quot;,&quot;title&quot;:&quot;Nueva fachada de aluminio perforado y muro cortina&quot;},{&quot;src&quot;:&quot;https:\\\/\\\/www.garciafaura.com\\\/wp-content\\\/uploads\\\/2018\\\/10\\\/Concessionari-Renault-Esplugues-07.jpg&quot;,&quot;title&quot;:&quot;Nueva fachada de aluminio perforado y muro cortina&quot;},{&quot;src&quot;:&quot;https:\\\/\\\/www.garciafaura.com\\\/wp-content\\\/uploads\\\/2018\\\/10\\\/Concessionari-Renault-Esplugues-06.jpg&quot;,&quot;title&quot;:&quot;Nueva fachada de aluminio perforado y muro cortina&quot;},{&quot;src&quot;:&quot;https:\\\/\\\/www.garciafaura.com\\\/wp-content\\\/uploads\\\/2018\\\/10\\\/Concessionari-Renault-Esplugues-05.jpg&quot;,&quot;title&quot;:&quot;Nueva fachada de aluminio perforado y muro cortina&quot;},{&quot;src&quot;:&quot;https:\\\/\\\/www.garciafaura.com\\\/wp-content\\\/uploads\\\/2018\\\/10\\\/Concessionari-Renault-Esplugues-04.jpg&quot;,&quot;title&quot;:&quot;Nueva fachada de aluminio perforado y muro cortina&quot;},{&quot;src&quot;:&quot;https:\\\/\\\/www.garciafaura.com\\\/wp-content\\\/uploads\\\/2018\\\/10\\\/Concessionari-Renault-Esplugues-03.jpg&quot;,&quot;title&quot;:&quot;Nueva fachada de aluminio perforado y muro cortina&quot;},{&quot;src&quot;:&quot;https:\\\/\\\/www.garciafaura.com\\\/wp-content\\\/uploads\\\/2018\\\/10\\\/Concessionari-Renault-Esplugues-02.jpg&quot;,&quot;title&quot;:&quot;Nueva fachada de aluminio perforado y muro cortina&quot;}]\"><img loading=\"lazy\" decoding=\"async\" data-no-lazy=\"1\" class=\"portfolio-entry-img skip-lazy\" src=\"https:\/\/www.garciafaura.com\/wp-content\/uploads\/2018\/10\/Concessionari-Renault-Esplugues-07-600x314.jpg\" alt=\"Nueva Fachada De Aluminio Perforado Y Muro Cortina\" data-no-retina width=\"600\" height=\"314\" \/><\/a><\/div><div class=\"portfolio-entry-details entry-details wpex-clr\"><div class=\"match-height-content\"><h2 class=\"portfolio-entry-title entry-title\"><a href=\"https:\/\/www.garciafaura.com\/es\/portfolio-item\/concesionario-renault-dacia\/\" title=\"Concesionario Renault Dacia\">Concesionario Renault Dacia<\/a><\/h2><div class=\"portfolio-entry-categories entry-categories wpex-clr\"><a href=\"https:\/\/www.garciafaura.com\/es\/portfolio-category\/edificios-corporativos\/\" class=\"term-45\">Edificios Corporativos<\/a><\/div><\/div><\/div><\/div><\/div><div class=\"portfolio-entry vcex-grid-item entry-has-details span_1_of_3 col col-1 vcex-isotope-entry vcex-no-margin-entry post-17858 entry type-portfolio has-media cat-45 cat-48 cat-51 cat-52 translation_priority-6\"><div class=\"portfolio-entry-inner entry-inner wpex-clr\"><div class=\"portfolio-entry-media entry-media wpex-clr\"><a href=\"https:\/\/www.garciafaura.com\/wp-content\/uploads\/2018\/10\/Oficines-Diagonal-191-03.jpg\" title=\"Oficinas Diagonal 191\" class=\"portfolio-entry-media-link wpex-lightbox-gallery\" data-gallery=\"[{&quot;src&quot;:&quot;https:\\\/\\\/www.garciafaura.com\\\/wp-content\\\/uploads\\\/2018\\\/10\\\/Oficines-Diagonal-191-01.jpg&quot;,&quot;title&quot;:&quot;Fabricaci\\u00f3n e instalaci\\u00f3n del conjunto de fachada modular.&quot;},{&quot;src&quot;:&quot;https:\\\/\\\/www.garciafaura.com\\\/wp-content\\\/uploads\\\/2018\\\/10\\\/Oficines-Diagonal-191-31.jpg&quot;,&quot;title&quot;:&quot;Fabricaci\\u00f3n e instalaci\\u00f3n del conjunto de fachada modular.&quot;},{&quot;src&quot;:&quot;https:\\\/\\\/www.garciafaura.com\\\/wp-content\\\/uploads\\\/2018\\\/10\\\/Oficines-Diagonal-191-30.jpg&quot;,&quot;title&quot;:&quot;Fabricaci\\u00f3n e instalaci\\u00f3n del conjunto de fachada modular.&quot;},{&quot;src&quot;:&quot;https:\\\/\\\/www.garciafaura.com\\\/wp-content\\\/uploads\\\/2018\\\/10\\\/Oficines-Diagonal-191-29.jpg&quot;,&quot;title&quot;:&quot;Fabricaci\\u00f3n e instalaci\\u00f3n del conjunto de fachada modular.&quot;},{&quot;src&quot;:&quot;https:\\\/\\\/www.garciafaura.com\\\/wp-content\\\/uploads\\\/2018\\\/10\\\/Oficines-Diagonal-191-28.jpg&quot;,&quot;title&quot;:&quot;Fabricaci\\u00f3n e instalaci\\u00f3n del conjunto de fachada modular.&quot;},{&quot;src&quot;:&quot;https:\\\/\\\/www.garciafaura.com\\\/wp-content\\\/uploads\\\/2018\\\/10\\\/Oficines-Diagonal-191-27.jpg&quot;,&quot;title&quot;:&quot;Fabricaci\\u00f3n e instalaci\\u00f3n del conjunto de fachada modular.&quot;},{&quot;src&quot;:&quot;https:\\\/\\\/www.garciafaura.com\\\/wp-content\\\/uploads\\\/2018\\\/10\\\/Oficines-Diagonal-191-26.jpg&quot;,&quot;title&quot;:&quot;Fabricaci\\u00f3n e instalaci\\u00f3n del conjunto de fachada modular.&quot;},{&quot;src&quot;:&quot;https:\\\/\\\/www.garciafaura.com\\\/wp-content\\\/uploads\\\/2018\\\/10\\\/Oficines-Diagonal-191-25.jpg&quot;,&quot;title&quot;:&quot;Fabricaci\\u00f3n e instalaci\\u00f3n del conjunto de fachada modular.&quot;},{&quot;src&quot;:&quot;https:\\\/\\\/www.garciafaura.com\\\/wp-content\\\/uploads\\\/2018\\\/10\\\/Oficines-Diagonal-191-24.jpg&quot;,&quot;title&quot;:&quot;Fabricaci\\u00f3n e instalaci\\u00f3n del conjunto de fachada modular.&quot;},{&quot;src&quot;:&quot;https:\\\/\\\/www.garciafaura.com\\\/wp-content\\\/uploads\\\/2018\\\/10\\\/Oficines-Diagonal-191-23.jpg&quot;,&quot;title&quot;:&quot;Fabricaci\\u00f3n e instalaci\\u00f3n del conjunto de fachada modular.&quot;},{&quot;src&quot;:&quot;https:\\\/\\\/www.garciafaura.com\\\/wp-content\\\/uploads\\\/2018\\\/10\\\/Oficines-Diagonal-191-22.jpg&quot;,&quot;title&quot;:&quot;Fabricaci\\u00f3n e instalaci\\u00f3n del conjunto de fachada modular.&quot;},{&quot;src&quot;:&quot;https:\\\/\\\/www.garciafaura.com\\\/wp-content\\\/uploads\\\/2018\\\/10\\\/Oficines-Diagonal-191-21.jpg&quot;,&quot;title&quot;:&quot;Fabricaci\\u00f3n e instalaci\\u00f3n del conjunto de fachada modular.&quot;},{&quot;src&quot;:&quot;https:\\\/\\\/www.garciafaura.com\\\/wp-content\\\/uploads\\\/2018\\\/10\\\/Oficines-Diagonal-191-20.jpg&quot;,&quot;title&quot;:&quot;Fabricaci\\u00f3n e instalaci\\u00f3n del conjunto de fachada modular.&quot;},{&quot;src&quot;:&quot;https:\\\/\\\/www.garciafaura.com\\\/wp-content\\\/uploads\\\/2018\\\/10\\\/Oficines-Diagonal-191-19.jpg&quot;,&quot;title&quot;:&quot;Fabricaci\\u00f3n e instalaci\\u00f3n del conjunto de fachada modular.&quot;},{&quot;src&quot;:&quot;https:\\\/\\\/www.garciafaura.com\\\/wp-content\\\/uploads\\\/2018\\\/10\\\/Oficines-Diagonal-191-18.jpg&quot;,&quot;title&quot;:&quot;Fabricaci\\u00f3n e instalaci\\u00f3n del conjunto de fachada modular.&quot;},{&quot;src&quot;:&quot;https:\\\/\\\/www.garciafaura.com\\\/wp-content\\\/uploads\\\/2018\\\/10\\\/Oficines-Diagonal-191-17.jpg&quot;,&quot;title&quot;:&quot;Fabricaci\\u00f3n e instalaci\\u00f3n del conjunto de fachada modular.&quot;},{&quot;src&quot;:&quot;https:\\\/\\\/www.garciafaura.com\\\/wp-content\\\/uploads\\\/2018\\\/10\\\/Oficines-Diagonal-191-16.jpg&quot;,&quot;title&quot;:&quot;Fabricaci\\u00f3n e instalaci\\u00f3n del conjunto de fachada modular.&quot;},{&quot;src&quot;:&quot;https:\\\/\\\/www.garciafaura.com\\\/wp-content\\\/uploads\\\/2018\\\/10\\\/Oficines-Diagonal-191-15.jpg&quot;,&quot;title&quot;:&quot;Fabricaci\\u00f3n e instalaci\\u00f3n del conjunto de fachada modular.&quot;},{&quot;src&quot;:&quot;https:\\\/\\\/www.garciafaura.com\\\/wp-content\\\/uploads\\\/2018\\\/10\\\/Oficines-Diagonal-191-14.jpg&quot;,&quot;title&quot;:&quot;Fabricaci\\u00f3n e instalaci\\u00f3n del conjunto de fachada modular.&quot;},{&quot;src&quot;:&quot;https:\\\/\\\/www.garciafaura.com\\\/wp-content\\\/uploads\\\/2018\\\/10\\\/Oficines-Diagonal-191-13.jpg&quot;,&quot;title&quot;:&quot;Fabricaci\\u00f3n e instalaci\\u00f3n del conjunto de fachada modular.&quot;},{&quot;src&quot;:&quot;https:\\\/\\\/www.garciafaura.com\\\/wp-content\\\/uploads\\\/2018\\\/10\\\/Oficines-Diagonal-191-12.jpg&quot;,&quot;title&quot;:&quot;Fabricaci\\u00f3n e instalaci\\u00f3n del conjunto de fachada modular.&quot;},{&quot;src&quot;:&quot;https:\\\/\\\/www.garciafaura.com\\\/wp-content\\\/uploads\\\/2018\\\/10\\\/Oficines-Diagonal-191-11.jpg&quot;,&quot;title&quot;:&quot;Fabricaci\\u00f3n e instalaci\\u00f3n del conjunto de fachada modular.&quot;},{&quot;src&quot;:&quot;https:\\\/\\\/www.garciafaura.com\\\/wp-content\\\/uploads\\\/2018\\\/10\\\/Oficines-Diagonal-191-10.jpg&quot;,&quot;title&quot;:&quot;Fabricaci\\u00f3n e instalaci\\u00f3n del conjunto de fachada modular.&quot;},{&quot;src&quot;:&quot;https:\\\/\\\/www.garciafaura.com\\\/wp-content\\\/uploads\\\/2018\\\/10\\\/Oficines-Diagonal-191-09.jpg&quot;,&quot;title&quot;:&quot;Fabricaci\\u00f3n e instalaci\\u00f3n del conjunto de fachada modular.&quot;},{&quot;src&quot;:&quot;https:\\\/\\\/www.garciafaura.com\\\/wp-content\\\/uploads\\\/2018\\\/10\\\/Oficines-Diagonal-191-08.jpg&quot;,&quot;title&quot;:&quot;Fabricaci\\u00f3n e instalaci\\u00f3n del conjunto de fachada modular.&quot;},{&quot;src&quot;:&quot;https:\\\/\\\/www.garciafaura.com\\\/wp-content\\\/uploads\\\/2018\\\/10\\\/Oficines-Diagonal-191-07.jpg&quot;,&quot;title&quot;:&quot;Fabricaci\\u00f3n e instalaci\\u00f3n del conjunto de fachada modular.&quot;},{&quot;src&quot;:&quot;https:\\\/\\\/www.garciafaura.com\\\/wp-content\\\/uploads\\\/2018\\\/10\\\/Oficines-Diagonal-191-06.jpg&quot;,&quot;title&quot;:&quot;Fabricaci\\u00f3n e instalaci\\u00f3n del conjunto de fachada modular.&quot;},{&quot;src&quot;:&quot;https:\\\/\\\/www.garciafaura.com\\\/wp-content\\\/uploads\\\/2018\\\/10\\\/Oficines-Diagonal-191-05.jpg&quot;,&quot;title&quot;:&quot;Fabricaci\\u00f3n e instalaci\\u00f3n del conjunto de fachada modular.&quot;},{&quot;src&quot;:&quot;https:\\\/\\\/www.garciafaura.com\\\/wp-content\\\/uploads\\\/2018\\\/10\\\/Oficines-Diagonal-191-04.jpg&quot;,&quot;title&quot;:&quot;Fabricaci\\u00f3n e instalaci\\u00f3n del conjunto de fachada modular.&quot;},{&quot;src&quot;:&quot;https:\\\/\\\/www.garciafaura.com\\\/wp-content\\\/uploads\\\/2018\\\/10\\\/Oficines-Diagonal-191-03.jpg&quot;,&quot;title&quot;:&quot;Fabricaci\\u00f3n e instalaci\\u00f3n del conjunto de fachada modular.&quot;},{&quot;src&quot;:&quot;https:\\\/\\\/www.garciafaura.com\\\/wp-content\\\/uploads\\\/2018\\\/10\\\/Oficines-Diagonal-191-02.jpg&quot;,&quot;title&quot;:&quot;Fabricaci\\u00f3n e instalaci\\u00f3n del conjunto de fachada modular.&quot;}]\"><img loading=\"lazy\" decoding=\"async\" data-no-lazy=\"1\" class=\"portfolio-entry-img skip-lazy\" src=\"https:\/\/www.garciafaura.com\/wp-content\/uploads\/2018\/10\/Oficines-Diagonal-191-03-600x314.jpg\" alt=\"Fabricaci\u00f3n E Instalaci\u00f3n Del Conjunto De Fachada Modular.\" data-no-retina width=\"600\" height=\"314\" \/><\/a><\/div><div class=\"portfolio-entry-details entry-details wpex-clr\"><div class=\"match-height-content\"><h2 class=\"portfolio-entry-title entry-title\"><a href=\"https:\/\/www.garciafaura.com\/es\/portfolio-item\/oficinas-diagonal-191\/\" title=\"Oficinas Diagonal 191\">Oficinas Diagonal 191<\/a><\/h2><div class=\"portfolio-entry-categories entry-categories wpex-clr\"><a href=\"https:\/\/www.garciafaura.com\/es\/portfolio-category\/edificios-corporativos\/\" class=\"term-45\">Edificios Corporativos<\/a><\/div><\/div><\/div><\/div><\/div><div class=\"portfolio-entry vcex-grid-item entry-has-details span_1_of_3 col col-2 vcex-isotope-entry vcex-no-margin-entry post-17820 entry type-portfolio has-media cat-45 cat-51 cat-118 cat-119 cat-58 cat-59 translation_priority-6\"><div class=\"portfolio-entry-inner entry-inner wpex-clr\"><div class=\"portfolio-entry-media entry-media wpex-clr\"><a href=\"https:\/\/www.garciafaura.com\/wp-content\/uploads\/2018\/10\/Rehabilitacio-Fac\u0327ana-Agbar-Collblanc-04.jpg\" title=\"Rehabilitaci\u00f3n Edificio Aig\u00fces de Barcelona\" class=\"portfolio-entry-media-link wpex-lightbox-gallery\" data-gallery=\"[{&quot;src&quot;:&quot;https:\\\/\\\/www.garciafaura.com\\\/wp-content\\\/uploads\\\/2018\\\/10\\\/Rehabilitacio-Fac\\u0327ana-Agbar-Collblanc-04.jpg&quot;,&quot;title&quot;:&quot;Rehabilitaci\\u00f3n de fachada para aumentar la eficiencia energ\\u00e9tica del edificio&quot;},{&quot;src&quot;:&quot;https:\\\/\\\/www.garciafaura.com\\\/wp-content\\\/uploads\\\/2018\\\/10\\\/Rehabilitacio-Fac\\u0327ana-Agbar-Collblanc-06.jpg&quot;,&quot;title&quot;:&quot;Rehabilitaci\\u00f3n de fachada para aumentar la eficiencia energ\\u00e9tica del edificio&quot;},{&quot;src&quot;:&quot;https:\\\/\\\/www.garciafaura.com\\\/wp-content\\\/uploads\\\/2018\\\/10\\\/Rehabilitacio-Fac\\u0327ana-Agbar-Collblanc-05.jpg&quot;,&quot;title&quot;:&quot;Rehabilitaci\\u00f3n de fachada para aumentar la eficiencia energ\\u00e9tica del edificio&quot;},{&quot;src&quot;:&quot;https:\\\/\\\/www.garciafaura.com\\\/wp-content\\\/uploads\\\/2018\\\/10\\\/Rehabilitacio-Fac\\u0327ana-Agbar-Collblanc-03.jpg&quot;,&quot;title&quot;:&quot;Rehabilitaci\\u00f3n de fachada para aumentar la eficiencia energ\\u00e9tica del edificio&quot;},{&quot;src&quot;:&quot;https:\\\/\\\/www.garciafaura.com\\\/wp-content\\\/uploads\\\/2018\\\/10\\\/Rehabilitacio-Fac\\u0327ana-Agbar-Collblanc-02.jpg&quot;,&quot;title&quot;:&quot;Rehabilitaci\\u00f3n de fachada para aumentar la eficiencia energ\\u00e9tica del edificio&quot;},{&quot;src&quot;:&quot;https:\\\/\\\/www.garciafaura.com\\\/wp-content\\\/uploads\\\/2018\\\/10\\\/Rehabilitacio-Fac\\u0327ana-Agbar-Collblanc-01.jpg&quot;,&quot;title&quot;:&quot;Rehabilitaci\\u00f3n de fachada para aumentar la eficiencia energ\\u00e9tica del edificio&quot;},{&quot;src&quot;:&quot;https:\\\/\\\/www.garciafaura.com\\\/wp-content\\\/uploads\\\/2018\\\/10\\\/Rehabilitacio-Fac\\u0327ana-Agbar-Collblanc-07.jpg&quot;,&quot;title&quot;:&quot;Rehabilitaci\\u00f3n de fachada para aumentar la eficiencia energ\\u00e9tica del edificio&quot;}]\"><img loading=\"lazy\" decoding=\"async\" data-no-lazy=\"1\" class=\"portfolio-entry-img skip-lazy\" src=\"https:\/\/www.garciafaura.com\/wp-content\/uploads\/2018\/10\/Rehabilitacio-Fac\u0327ana-Agbar-Collblanc-04-600x314.jpg\" alt=\"Rehabilitaci\u00f3n De Fachada Para Aumentar La Eficiencia Energ\u00e9tica Del Edificio\" data-no-retina width=\"600\" height=\"314\" \/><\/a><\/div><div class=\"portfolio-entry-details entry-details wpex-clr\"><div class=\"match-height-content\"><h2 class=\"portfolio-entry-title entry-title\"><a href=\"https:\/\/www.garciafaura.com\/es\/portfolio-item\/rehabilitacion-edificio-aigues-de-barcelona\/\" title=\"Rehabilitaci\u00f3n Edificio Aig\u00fces de Barcelona\">Rehabilitaci\u00f3n Edificio Aig\u00fces de Barcelona<\/a><\/h2><div class=\"portfolio-entry-categories entry-categories wpex-clr\"><a href=\"https:\/\/www.garciafaura.com\/es\/portfolio-category\/edificios-corporativos\/\" class=\"term-45\">Edificios Corporativos<\/a><\/div><\/div><\/div><\/div><\/div><div class=\"portfolio-entry vcex-grid-item entry-has-details span_1_of_3 col col-3 vcex-isotope-entry vcex-no-margin-entry post-17791 entry type-portfolio has-media cat-49 cat-50 cat-51 cat-52 translation_priority-6\"><div class=\"portfolio-entry-inner entry-inner wpex-clr\"><div class=\"portfolio-entry-media entry-media wpex-clr\"><a href=\"https:\/\/www.garciafaura.com\/wp-content\/uploads\/2018\/10\/Ampliacio-Facultat-Dret-UB-01.jpg\" title=\"Ampliaci\u00f3n Facultad Derecho UB\" class=\"portfolio-entry-media-link wpex-lightbox\"><img loading=\"lazy\" decoding=\"async\" data-no-lazy=\"1\" class=\"portfolio-entry-img skip-lazy\" src=\"https:\/\/www.garciafaura.com\/wp-content\/uploads\/2018\/10\/Ampliacio-Facultat-Dret-UB-01-600x314.jpg\" alt=\"Muro Cortina De La Nueva Facultad De Derecho De La Universitat De Barcelona\" data-no-retina width=\"600\" height=\"314\" \/><\/a><\/div><div class=\"portfolio-entry-details entry-details wpex-clr\"><div class=\"match-height-content\"><h2 class=\"portfolio-entry-title entry-title\"><a href=\"https:\/\/www.garciafaura.com\/es\/portfolio-item\/ampliacion-facultad-derecho-ub\/\" title=\"Ampliaci\u00f3n Facultad Derecho UB\">Ampliaci\u00f3n Facultad Derecho UB<\/a><\/h2><div class=\"portfolio-entry-categories entry-categories wpex-clr\"><a href=\"https:\/\/www.garciafaura.com\/es\/portfolio-category\/edificios-de-servicios\/\" class=\"term-49\">Edificios de Servicios<\/a><\/div><\/div><\/div><\/div><\/div><div class=\"portfolio-entry vcex-grid-item entry-has-details span_1_of_3 col col-1 vcex-isotope-entry vcex-no-margin-entry post-17752 entry type-portfolio has-media cat-45 cat-48 cat-51 cat-52 cat-118 cat-119 translation_priority-6\"><div class=\"portfolio-entry-inner entry-inner wpex-clr\"><div class=\"portfolio-entry-media entry-media wpex-clr\"><a href=\"https:\/\/www.garciafaura.com\/wp-content\/uploads\/2018\/10\/Torre-4-Porta-Firal-01.jpg\" title=\"Torre 4 Portal Firal\" class=\"portfolio-entry-media-link wpex-lightbox-gallery\" data-gallery=\"[{&quot;src&quot;:&quot;https:\\\/\\\/www.garciafaura.com\\\/wp-content\\\/uploads\\\/2018\\\/10\\\/Torre-4-Porta-Firal-01.jpg&quot;,&quot;title&quot;:&quot;Conjunto de fachadas y cerramientos en nuevo edificio corporativo&quot;},{&quot;src&quot;:&quot;https:\\\/\\\/www.garciafaura.com\\\/wp-content\\\/uploads\\\/2018\\\/10\\\/Torre-4-Porta-Firal-08.jpg&quot;,&quot;title&quot;:&quot;Conjunto de fachadas y cerramientos en nuevo edificio corporativo&quot;},{&quot;src&quot;:&quot;https:\\\/\\\/www.garciafaura.com\\\/wp-content\\\/uploads\\\/2018\\\/10\\\/Torre-4-Porta-Firal-07.jpg&quot;,&quot;title&quot;:&quot;Conjunto de fachadas y cerramientos en nuevo edificio corporativo&quot;},{&quot;src&quot;:&quot;https:\\\/\\\/www.garciafaura.com\\\/wp-content\\\/uploads\\\/2018\\\/10\\\/Torre-4-Porta-Firal-06.jpg&quot;,&quot;title&quot;:&quot;Conjunto de fachadas y cerramientos en nuevo edificio corporativo&quot;},{&quot;src&quot;:&quot;https:\\\/\\\/www.garciafaura.com\\\/wp-content\\\/uploads\\\/2018\\\/10\\\/Torre-4-Porta-Firal-05.jpg&quot;,&quot;title&quot;:&quot;Conjunto de fachadas y cerramientos en nuevo edificio corporativo&quot;},{&quot;src&quot;:&quot;https:\\\/\\\/www.garciafaura.com\\\/wp-content\\\/uploads\\\/2018\\\/10\\\/Torre-4-Porta-Firal-04.jpg&quot;,&quot;title&quot;:&quot;Conjunto de fachadas y cerramientos en nuevo edificio corporativo&quot;},{&quot;src&quot;:&quot;https:\\\/\\\/www.garciafaura.com\\\/wp-content\\\/uploads\\\/2018\\\/10\\\/Torre-4-Porta-Firal-03.jpg&quot;,&quot;title&quot;:&quot;Conjunto de fachadas y cerramientos en nuevo edificio corporativo&quot;},{&quot;src&quot;:&quot;https:\\\/\\\/www.garciafaura.com\\\/wp-content\\\/uploads\\\/2018\\\/10\\\/Torre-4-Porta-Firal-02.jpg&quot;,&quot;title&quot;:&quot;Conjunto de fachadas y cerramientos en nuevo edificio corporativo&quot;}]\"><img loading=\"lazy\" decoding=\"async\" data-no-lazy=\"1\" class=\"portfolio-entry-img skip-lazy\" src=\"https:\/\/www.garciafaura.com\/wp-content\/uploads\/2018\/10\/Torre-4-Porta-Firal-01-600x314.jpg\" alt=\"Conjunto De Fachadas Y Cerramientos En Nuevo Edificio Corporativo\" data-no-retina width=\"600\" height=\"314\" \/><\/a><\/div><div class=\"portfolio-entry-details entry-details wpex-clr\"><div class=\"match-height-content\"><h2 class=\"portfolio-entry-title entry-title\"><a href=\"https:\/\/www.garciafaura.com\/es\/portfolio-item\/torre-4-portal-firal\/\" title=\"Torre 4 Portal Firal\">Torre 4 Portal Firal<\/a><\/h2><div class=\"portfolio-entry-categories entry-categories wpex-clr\"><a href=\"https:\/\/www.garciafaura.com\/es\/portfolio-category\/edificios-corporativos\/\" class=\"term-45\">Edificios Corporativos<\/a><\/div><\/div><\/div><\/div><\/div><div class=\"portfolio-entry vcex-grid-item entry-has-details span_1_of_3 col col-2 vcex-isotope-entry vcex-no-margin-entry post-17690 entry type-portfolio has-media cat-49 cat-51 translation_priority-6\"><div class=\"portfolio-entry-inner entry-inner wpex-clr\"><div class=\"portfolio-entry-media entry-media wpex-clr\"><a href=\"https:\/\/www.garciafaura.com\/wp-content\/uploads\/2018\/09\/Supermecat-Premia-Mar-07.jpg\" title=\"Centro Comercial Sorli\" class=\"portfolio-entry-media-link wpex-lightbox-gallery\" data-gallery=\"[{&quot;src&quot;:&quot;https:\\\/\\\/www.garciafaura.com\\\/wp-content\\\/uploads\\\/2018\\\/09\\\/Supermecat-Premia-Mar-07.jpg&quot;,&quot;title&quot;:&quot;Fachada y cerramientos en nuevo establecimiento comercial&quot;},{&quot;src&quot;:&quot;https:\\\/\\\/www.garciafaura.com\\\/wp-content\\\/uploads\\\/2018\\\/09\\\/Supermecat-Premia-Mar-01.jpg&quot;,&quot;title&quot;:&quot;Fachada y cerramientos en nuevo establecimiento comercial&quot;},{&quot;src&quot;:&quot;https:\\\/\\\/www.garciafaura.com\\\/wp-content\\\/uploads\\\/2018\\\/09\\\/Supermecat-Premia-Mar-09.jpg&quot;,&quot;title&quot;:&quot;Fachada y cerramientos en nuevo establecimiento comercial&quot;},{&quot;src&quot;:&quot;https:\\\/\\\/www.garciafaura.com\\\/wp-content\\\/uploads\\\/2018\\\/09\\\/Supermecat-Premia-Mar-08.jpg&quot;,&quot;title&quot;:&quot;Fachada y cerramientos en nuevo establecimiento comercial&quot;},{&quot;src&quot;:&quot;https:\\\/\\\/www.garciafaura.com\\\/wp-content\\\/uploads\\\/2018\\\/09\\\/Supermecat-Premia-Mar-06.jpg&quot;,&quot;title&quot;:&quot;Fachada y cerramientos en nuevo establecimiento comercial&quot;},{&quot;src&quot;:&quot;https:\\\/\\\/www.garciafaura.com\\\/wp-content\\\/uploads\\\/2018\\\/09\\\/Supermecat-Premia-Mar-05.jpg&quot;,&quot;title&quot;:&quot;Fachada y cerramientos en nuevo establecimiento comercial&quot;},{&quot;src&quot;:&quot;https:\\\/\\\/www.garciafaura.com\\\/wp-content\\\/uploads\\\/2018\\\/09\\\/Supermecat-Premia-Mar-04.jpg&quot;,&quot;title&quot;:&quot;Fachada y cerramientos en nuevo establecimiento comercial&quot;},{&quot;src&quot;:&quot;https:\\\/\\\/www.garciafaura.com\\\/wp-content\\\/uploads\\\/2018\\\/09\\\/Supermecat-Premia-Mar-03.jpg&quot;,&quot;title&quot;:&quot;Fachada y cerramientos en nuevo establecimiento comercial&quot;},{&quot;src&quot;:&quot;https:\\\/\\\/www.garciafaura.com\\\/wp-content\\\/uploads\\\/2018\\\/09\\\/Supermecat-Premia-Mar-02.jpg&quot;,&quot;title&quot;:&quot;Fachada y cerramientos en nuevo establecimiento comercial&quot;}]\"><img loading=\"lazy\" decoding=\"async\" data-no-lazy=\"1\" class=\"portfolio-entry-img skip-lazy\" src=\"https:\/\/www.garciafaura.com\/wp-content\/uploads\/2018\/09\/Supermecat-Premia-Mar-07-600x314.jpg\" alt=\"Fachada Y Cerramientos En Nuevo Establecimiento Comercial\" data-no-retina width=\"600\" height=\"314\" \/><\/a><\/div><div class=\"portfolio-entry-details entry-details wpex-clr\"><div class=\"match-height-content\"><h2 class=\"portfolio-entry-title entry-title\"><a href=\"https:\/\/www.garciafaura.com\/es\/portfolio-item\/centro-comercial-sorli\/\" title=\"Centro Comercial Sorli\">Centro Comercial Sorli<\/a><\/h2><div class=\"portfolio-entry-categories entry-categories wpex-clr\"><a href=\"https:\/\/www.garciafaura.com\/es\/portfolio-category\/edificios-de-servicios\/\" class=\"term-49\">Edificios de Servicios<\/a><\/div><\/div><\/div><\/div><\/div><div class=\"portfolio-entry vcex-grid-item entry-has-details span_1_of_3 col col-3 vcex-isotope-entry vcex-no-margin-entry post-17672 entry type-portfolio has-media cat-51 cat-52 cat-118 cat-119 cat-58 cat-59 translation_priority-6\"><div class=\"portfolio-entry-inner entry-inner wpex-clr\"><div class=\"portfolio-entry-media entry-media wpex-clr\"><a href=\"https:\/\/www.garciafaura.com\/wp-content\/uploads\/2018\/09\/Edifici-Beethoven-02.jpg\" title=\"Rehabilitaci\u00f3n Edificio Beethoven\" class=\"portfolio-entry-media-link wpex-lightbox-gallery\" data-gallery=\"[{&quot;src&quot;:&quot;https:\\\/\\\/www.garciafaura.com\\\/wp-content\\\/uploads\\\/2018\\\/09\\\/Edifici-Beethoven-02.jpg&quot;,&quot;title&quot;:&quot;Rehabilitaci\\u00f3n de fachada y mejora de su eficiencia.&quot;},{&quot;src&quot;:&quot;https:\\\/\\\/www.garciafaura.com\\\/wp-content\\\/uploads\\\/2018\\\/09\\\/Edifici-Beethoven-01.jpg&quot;,&quot;title&quot;:&quot;Rehabilitaci\\u00f3n de fachada y mejora de su eficiencia.&quot;},{&quot;src&quot;:&quot;https:\\\/\\\/www.garciafaura.com\\\/wp-content\\\/uploads\\\/2018\\\/09\\\/Edifici-Beethoven-09.jpg&quot;,&quot;title&quot;:&quot;Rehabilitaci\\u00f3n de fachada y mejora de su eficiencia.&quot;},{&quot;src&quot;:&quot;https:\\\/\\\/www.garciafaura.com\\\/wp-content\\\/uploads\\\/2018\\\/09\\\/Edifici-Beethoven-08.jpg&quot;,&quot;title&quot;:&quot;Rehabilitaci\\u00f3n de fachada y mejora de su eficiencia.&quot;},{&quot;src&quot;:&quot;https:\\\/\\\/www.garciafaura.com\\\/wp-content\\\/uploads\\\/2018\\\/09\\\/Edifici-Beethoven-07.jpg&quot;,&quot;title&quot;:&quot;Rehabilitaci\\u00f3n de fachada y mejora de su eficiencia.&quot;},{&quot;src&quot;:&quot;https:\\\/\\\/www.garciafaura.com\\\/wp-content\\\/uploads\\\/2018\\\/09\\\/Edifici-Beethoven-06.jpg&quot;,&quot;title&quot;:&quot;Rehabilitaci\\u00f3n de fachada y mejora de su eficiencia.&quot;},{&quot;src&quot;:&quot;https:\\\/\\\/www.garciafaura.com\\\/wp-content\\\/uploads\\\/2018\\\/09\\\/Edifici-Beethoven-05.jpg&quot;,&quot;title&quot;:&quot;Rehabilitaci\\u00f3n de fachada y mejora de su eficiencia.&quot;},{&quot;src&quot;:&quot;https:\\\/\\\/www.garciafaura.com\\\/wp-content\\\/uploads\\\/2018\\\/09\\\/Edifici-Beethoven-04.jpg&quot;,&quot;title&quot;:&quot;Rehabilitaci\\u00f3n de fachada y mejora de su eficiencia.&quot;},{&quot;src&quot;:&quot;https:\\\/\\\/www.garciafaura.com\\\/wp-content\\\/uploads\\\/2018\\\/09\\\/Edifici-Beethoven-03.jpg&quot;,&quot;title&quot;:&quot;Rehabilitaci\\u00f3n de fachada y mejora de su eficiencia.&quot;}]\"><img loading=\"lazy\" decoding=\"async\" data-no-lazy=\"1\" class=\"portfolio-entry-img skip-lazy\" src=\"https:\/\/www.garciafaura.com\/wp-content\/uploads\/2018\/09\/Edifici-Beethoven-02-600x314.jpg\" alt=\"Rehabilitaci\u00f3n De Fachada Y Mejora De Su Eficiencia.\" data-no-retina width=\"600\" height=\"314\" \/><\/a><\/div><div class=\"portfolio-entry-details entry-details wpex-clr\"><div class=\"match-height-content\"><h2 class=\"portfolio-entry-title entry-title\"><a href=\"https:\/\/www.garciafaura.com\/es\/portfolio-item\/rehabilitacion-edificio-beethoven\/\" title=\"Rehabilitaci\u00f3n Edificio Beethoven\">Rehabilitaci\u00f3n Edificio Beethoven<\/a><\/h2><div class=\"portfolio-entry-categories entry-categories wpex-clr\"><a href=\"https:\/\/www.garciafaura.com\/es\/portfolio-category\/fachadas\/\" class=\"term-51\">Fachadas<\/a><\/div><\/div><\/div><\/div><\/div><div class=\"portfolio-entry vcex-grid-item entry-has-details span_1_of_3 col col-1 vcex-isotope-entry vcex-no-margin-entry post-17666 entry type-portfolio has-media cat-49 cat-50 cat-51 cat-52 cat-55 cat-56 translation_priority-6\"><div class=\"portfolio-entry-inner entry-inner wpex-clr\"><div class=\"portfolio-entry-media entry-media wpex-clr\"><a href=\"https:\/\/www.garciafaura.com\/wp-content\/uploads\/2018\/09\/Oceanario-Lisboa-04.jpg\" title=\"Ampliaci\u00f3n Oceanario de Lisboa\" class=\"portfolio-entry-media-link wpex-lightbox-gallery\" data-gallery=\"[{&quot;src&quot;:&quot;https:\\\/\\\/www.garciafaura.com\\\/wp-content\\\/uploads\\\/2018\\\/09\\\/Oceanario-Lisboa-04.jpg&quot;,&quot;title&quot;:&quot;Muro cortina en la capital de Portugal.&quot;},{&quot;src&quot;:&quot;https:\\\/\\\/www.garciafaura.com\\\/wp-content\\\/uploads\\\/2018\\\/09\\\/Oceanario-Lisboa-01.jpg&quot;},{&quot;src&quot;:&quot;https:\\\/\\\/www.garciafaura.com\\\/wp-content\\\/uploads\\\/2018\\\/09\\\/Oceanario-Lisboa-15.jpg&quot;,&quot;title&quot;:&quot;Rehabilitaci\\u00f3n de fachada y mejora de su eficiencia.&quot;},{&quot;src&quot;:&quot;https:\\\/\\\/www.garciafaura.com\\\/wp-content\\\/uploads\\\/2018\\\/09\\\/Oceanario-Lisboa-14.jpg&quot;},{&quot;src&quot;:&quot;https:\\\/\\\/www.garciafaura.com\\\/wp-content\\\/uploads\\\/2018\\\/09\\\/Oceanario-Lisboa-13.jpg&quot;},{&quot;src&quot;:&quot;https:\\\/\\\/www.garciafaura.com\\\/wp-content\\\/uploads\\\/2018\\\/09\\\/Oceanario-Lisboa-12.jpg&quot;},{&quot;src&quot;:&quot;https:\\\/\\\/www.garciafaura.com\\\/wp-content\\\/uploads\\\/2018\\\/09\\\/Oceanario-Lisboa-11.jpg&quot;},{&quot;src&quot;:&quot;https:\\\/\\\/www.garciafaura.com\\\/wp-content\\\/uploads\\\/2018\\\/09\\\/Oceanario-Lisboa-10.jpg&quot;},{&quot;src&quot;:&quot;https:\\\/\\\/www.garciafaura.com\\\/wp-content\\\/uploads\\\/2018\\\/09\\\/Oceanario-Lisboa-09.jpg&quot;},{&quot;src&quot;:&quot;https:\\\/\\\/www.garciafaura.com\\\/wp-content\\\/uploads\\\/2018\\\/09\\\/Oceanario-Lisboa-08.jpg&quot;},{&quot;src&quot;:&quot;https:\\\/\\\/www.garciafaura.com\\\/wp-content\\\/uploads\\\/2018\\\/09\\\/Oceanario-Lisboa-07.jpg&quot;},{&quot;src&quot;:&quot;https:\\\/\\\/www.garciafaura.com\\\/wp-content\\\/uploads\\\/2018\\\/09\\\/Oceanario-Lisboa-06.jpg&quot;},{&quot;src&quot;:&quot;https:\\\/\\\/www.garciafaura.com\\\/wp-content\\\/uploads\\\/2018\\\/09\\\/Oceanario-Lisboa-05.jpg&quot;},{&quot;src&quot;:&quot;https:\\\/\\\/www.garciafaura.com\\\/wp-content\\\/uploads\\\/2018\\\/09\\\/Oceanario-Lisboa-03.jpg&quot;},{&quot;src&quot;:&quot;https:\\\/\\\/www.garciafaura.com\\\/wp-content\\\/uploads\\\/2018\\\/09\\\/Oceanario-Lisboa-02.jpg&quot;}]\"><img loading=\"lazy\" decoding=\"async\" data-no-lazy=\"1\" class=\"portfolio-entry-img skip-lazy\" src=\"https:\/\/www.garciafaura.com\/wp-content\/uploads\/2018\/09\/Oceanario-Lisboa-04-600x314.jpg\" alt=\"Muro Cortina En La Capital De Portugal.\" data-no-retina width=\"600\" height=\"314\" \/><\/a><\/div><div class=\"portfolio-entry-details entry-details wpex-clr\"><div class=\"match-height-content\"><h2 class=\"portfolio-entry-title entry-title\"><a href=\"https:\/\/www.garciafaura.com\/es\/portfolio-item\/ampliacion-oceanario-de-lisboa\/\" title=\"Ampliaci\u00f3n Oceanario de Lisboa\">Ampliaci\u00f3n Oceanario de Lisboa<\/a><\/h2><div class=\"portfolio-entry-categories entry-categories wpex-clr\"><a href=\"https:\/\/www.garciafaura.com\/es\/portfolio-category\/edificios-de-servicios\/\" class=\"term-49\">Edificios de Servicios<\/a><\/div><\/div><\/div><\/div><\/div><div class=\"portfolio-entry vcex-grid-item entry-has-details span_1_of_3 col col-2 vcex-isotope-entry vcex-no-margin-entry post-17650 entry type-portfolio has-media cat-51 cat-53 translation_priority-6\"><div class=\"portfolio-entry-inner entry-inner wpex-clr\"><div class=\"portfolio-entry-media entry-media wpex-clr\"><a href=\"https:\/\/www.garciafaura.com\/wp-content\/uploads\/2018\/09\/Hotel-BCN-Events-03.jpg\" title=\"Hotel BCN Events\" class=\"portfolio-entry-media-link wpex-lightbox-gallery\" data-gallery=\"[{&quot;src&quot;:&quot;https:\\\/\\\/www.garciafaura.com\\\/wp-content\\\/uploads\\\/2018\\\/09\\\/Hotel-BCN-Events-03.jpg&quot;,&quot;title&quot;:&quot;Conjunto de fachadas de vidrio de este establecimiento hotelero de Castelldefels&quot;},{&quot;src&quot;:&quot;https:\\\/\\\/www.garciafaura.com\\\/wp-content\\\/uploads\\\/2018\\\/09\\\/Hotel-BCN-Events-01.jpg&quot;,&quot;title&quot;:&quot;Conjunto de fachadas de vidrio de este establecimiento hotelero de Castelldefels&quot;},{&quot;src&quot;:&quot;https:\\\/\\\/www.garciafaura.com\\\/wp-content\\\/uploads\\\/2018\\\/09\\\/Hotel-BCN-Events-04.jpg&quot;,&quot;title&quot;:&quot;Conjunto de fachadas de vidrio de este establecimiento hotelero de Castelldefels&quot;},{&quot;src&quot;:&quot;https:\\\/\\\/www.garciafaura.com\\\/wp-content\\\/uploads\\\/2018\\\/09\\\/Hotel-BCN-Events-02.jpg&quot;,&quot;title&quot;:&quot;Conjunto de fachadas de vidrio de este establecimiento hotelero de Castelldefels&quot;}]\"><img decoding=\"async\" data-no-lazy=\"1\" class=\"portfolio-entry-img skip-lazy\" src=\"https:\/\/www.garciafaura.com\/wp-content\/uploads\/2018\/09\/Hotel-BCN-Events-03-x.jpg\" alt=\"Conjunto De Fachadas De Vidrio De Este Establecimiento Hotelero De Castelldefels\" data-no-retina \/><\/a><\/div><div class=\"portfolio-entry-details entry-details wpex-clr\"><div class=\"match-height-content\"><h2 class=\"portfolio-entry-title entry-title\"><a href=\"https:\/\/www.garciafaura.com\/es\/portfolio-item\/hotel-bcn-events\/\" title=\"Hotel BCN Events\">Hotel BCN Events<\/a><\/h2><div class=\"portfolio-entry-categories entry-categories wpex-clr\"><a href=\"https:\/\/www.garciafaura.com\/es\/portfolio-category\/fachadas\/\" class=\"term-51\">Fachadas<\/a><\/div><\/div><\/div><\/div><\/div><div class=\"portfolio-entry vcex-grid-item entry-has-details span_1_of_3 col col-3 vcex-isotope-entry vcex-no-margin-entry post-17647 entry type-portfolio has-media cat-49 cat-51 cat-118 cat-119 translation_priority-6\"><div class=\"portfolio-entry-inner entry-inner wpex-clr\"><div class=\"portfolio-entry-media entry-media wpex-clr\"><a href=\"https:\/\/www.garciafaura.com\/wp-content\/uploads\/2018\/09\/Ajuntament-de-Gava\u0300-02.jpg\" title=\"Ayuntamiento de Gav\u00e0\" class=\"portfolio-entry-media-link wpex-lightbox-gallery\" data-gallery=\"[{&quot;src&quot;:&quot;https:\\\/\\\/www.garciafaura.com\\\/wp-content\\\/uploads\\\/2018\\\/09\\\/Ajuntament-de-Gava\\u0300-02.jpg&quot;,&quot;title&quot;:&quot;Cerramientos de aluminio y fachada de vidrio del edificio dise\\u00f1ado por Albert Viaplana&quot;},{&quot;src&quot;:&quot;https:\\\/\\\/www.garciafaura.com\\\/wp-content\\\/uploads\\\/2018\\\/09\\\/Ajuntament-de-Gava\\u0300-05.jpg&quot;,&quot;title&quot;:&quot;Tancaments d&#039;alumini\\u00a0i fa\\u00e7ana de vidre de l&#039;edifici dissenyat per Albert Viaplana&quot;},{&quot;src&quot;:&quot;https:\\\/\\\/www.garciafaura.com\\\/wp-content\\\/uploads\\\/2018\\\/09\\\/Ajuntament-de-Gava\\u0300-04.jpg&quot;,&quot;title&quot;:&quot;Cerramientos de aluminio y fachada de vidrio del edificio dise\\u00f1ado por Albert Viaplana&quot;},{&quot;src&quot;:&quot;https:\\\/\\\/www.garciafaura.com\\\/wp-content\\\/uploads\\\/2018\\\/09\\\/Ajuntament-de-Gava\\u0300-03.jpg&quot;,&quot;title&quot;:&quot;Cerramientos de aluminio y fachada de vidrio del edificio dise\\u00f1ado por Albert Viaplana&quot;},{&quot;src&quot;:&quot;https:\\\/\\\/www.garciafaura.com\\\/wp-content\\\/uploads\\\/2018\\\/09\\\/Ajuntament-de-Gava\\u0300-01.jpg&quot;,&quot;title&quot;:&quot;Cerramientos de aluminio y fachada de vidrio del edificio dise\\u00f1ado por Albert Viaplana&quot;}]\"><img decoding=\"async\" data-no-lazy=\"1\" class=\"portfolio-entry-img skip-lazy\" src=\"https:\/\/www.garciafaura.com\/wp-content\/uploads\/2018\/09\/Ajuntament-de-Gava\u0300-02-x.jpg\" alt=\"Cerramientos De Aluminio Y Fachada De Vidrio Del Edificio Dise\u00f1ado Por Albert Viaplana\" data-no-retina \/><\/a><\/div><div class=\"portfolio-entry-details entry-details wpex-clr\"><div class=\"match-height-content\"><h2 class=\"portfolio-entry-title entry-title\"><a href=\"https:\/\/www.garciafaura.com\/es\/portfolio-item\/ayuntamiento-de-gava\/\" title=\"Ayuntamiento de Gav\u00e0\">Ayuntamiento de Gav\u00e0<\/a><\/h2><div class=\"portfolio-entry-categories entry-categories wpex-clr\"><a href=\"https:\/\/www.garciafaura.com\/es\/portfolio-category\/edificios-de-servicios\/\" class=\"term-49\">Edificios de Servicios<\/a><\/div><\/div><\/div><\/div><\/div><\/div><\/div>[\/vc_column][\/vc_row]\n<\/div>","protected":false},"excerpt":{"rendered":"<p>[vc_row full_width=\u00bbstretch_row\u00bb wpex_bg_overlay=\u00bbcolor\u00bb wpex_bg_overlay_color=\u00bb#d9d9d9&#8243; wpex_bg_overlay_opacity=\u00bb0.85&#8243;][vc_column][vc_column_text] GARCIA FAURA es la empresa de referencia en el desarrollo de fachadas. Sistemas modulares, muros cortina y revestimientos met\u00e1licos al servicio de la est\u00e9tica exterior de cualquier edificaci\u00f3n. Altas prestaciones t\u00e9cnicas, aprovechamiento de la luz&hellip;<\/p>\n","protected":false},"author":3,"featured_media":0,"parent":0,"menu_order":0,"comment_status":"closed","ping_status":"closed","template":"","meta":{"footnotes":""},"class_list":["post-17227","page","type-page","status-publish","hentry","entry","no-media"],"yoast_head":"<!-- This site is optimized with the Yoast SEO plugin v26.7 - https:\/\/yoast.com\/wordpress\/plugins\/seo\/ -->\n<title>Fachadas ejecutadas por GARCIA FAURA - GARCIA FAURA<\/title>\n<meta name=\"description\" content=\"Arquitectura en Alumini, Inox, Ferro i Vidre\" \/>\n<meta name=\"robots\" content=\"index, follow, max-snippet:-1, max-image-preview:large, max-video-preview:-1\" \/>\n<link rel=\"canonical\" href=\"https:\/\/www.garciafaura.com\/es\/fachadas-ejecutadas-por-garcia-faura\/\" \/>\n<meta property=\"og:locale\" content=\"es_ES\" \/>\n<meta property=\"og:type\" content=\"article\" \/>\n<meta property=\"og:title\" content=\"Fachadas ejecutadas por GARCIA FAURA - GARCIA FAURA\" \/>\n<meta property=\"og:description\" content=\"Arquitectura en Alumini, Inox, Ferro i Vidre\" \/>\n<meta property=\"og:url\" content=\"https:\/\/www.garciafaura.com\/es\/fachadas-ejecutadas-por-garcia-faura\/\" \/>\n<meta property=\"og:site_name\" content=\"GARCIA FAURA\" \/>\n<meta property=\"article:modified_time\" content=\"2021-08-02T10:14:35+00:00\" \/>\n<meta name=\"twitter:card\" content=\"summary_large_image\" \/>\n<meta name=\"twitter:label1\" content=\"Tiempo de lectura\" \/>\n\t<meta name=\"twitter:data1\" content=\"1 minuto\" \/>\n<script type=\"application\/ld+json\" class=\"yoast-schema-graph\">{\"@context\":\"https:\/\/schema.org\",\"@graph\":[{\"@type\":\"WebPage\",\"@id\":\"https:\/\/www.garciafaura.com\/es\/fachadas-ejecutadas-por-garcia-faura\/\",\"url\":\"https:\/\/www.garciafaura.com\/es\/fachadas-ejecutadas-por-garcia-faura\/\",\"name\":\"Fachadas ejecutadas por GARCIA FAURA - GARCIA FAURA\",\"isPartOf\":{\"@id\":\"https:\/\/www.garciafaura.com\/fr\/#website\"},\"datePublished\":\"2019-02-21T18:22:44+00:00\",\"dateModified\":\"2021-08-02T10:14:35+00:00\",\"description\":\"Arquitectura en Alumini, Inox, Ferro i Vidre\",\"breadcrumb\":{\"@id\":\"https:\/\/www.garciafaura.com\/es\/fachadas-ejecutadas-por-garcia-faura\/#breadcrumb\"},\"inLanguage\":\"es\",\"potentialAction\":[{\"@type\":\"ReadAction\",\"target\":[\"https:\/\/www.garciafaura.com\/es\/fachadas-ejecutadas-por-garcia-faura\/\"]}]},{\"@type\":\"BreadcrumbList\",\"@id\":\"https:\/\/www.garciafaura.com\/es\/fachadas-ejecutadas-por-garcia-faura\/#breadcrumb\",\"itemListElement\":[{\"@type\":\"ListItem\",\"position\":1,\"name\":\"Inici\",\"item\":\"https:\/\/www.garciafaura.com\/es\/\"},{\"@type\":\"ListItem\",\"position\":2,\"name\":\"Fachadas ejecutadas por GARCIA FAURA\"}]},{\"@type\":\"WebSite\",\"@id\":\"https:\/\/www.garciafaura.com\/fr\/#website\",\"url\":\"https:\/\/www.garciafaura.com\/fr\/\",\"name\":\"GARCIA FAURA\",\"description\":\"Arquitectura en Alumini, Inox, Ferro i Vidre\",\"publisher\":{\"@id\":\"https:\/\/www.garciafaura.com\/fr\/#organization\"},\"potentialAction\":[{\"@type\":\"SearchAction\",\"target\":{\"@type\":\"EntryPoint\",\"urlTemplate\":\"https:\/\/www.garciafaura.com\/fr\/?s={search_term_string}\"},\"query-input\":{\"@type\":\"PropertyValueSpecification\",\"valueRequired\":true,\"valueName\":\"search_term_string\"}}],\"inLanguage\":\"es\"},{\"@type\":\"Organization\",\"@id\":\"https:\/\/www.garciafaura.com\/fr\/#organization\",\"name\":\"GARCIA FAURA\",\"url\":\"https:\/\/www.garciafaura.com\/fr\/\",\"logo\":{\"@type\":\"ImageObject\",\"inLanguage\":\"es\",\"@id\":\"https:\/\/www.garciafaura.com\/fr\/#\/schema\/logo\/image\/\",\"url\":\"https:\/\/www.garciafaura.com\/wp-content\/uploads\/2018\/09\/Garcia-Faura.png\",\"contentUrl\":\"https:\/\/www.garciafaura.com\/wp-content\/uploads\/2018\/09\/Garcia-Faura.png\",\"width\":512,\"height\":512,\"caption\":\"GARCIA FAURA\"},\"image\":{\"@id\":\"https:\/\/www.garciafaura.com\/fr\/#\/schema\/logo\/image\/\"},\"sameAs\":[\"https:\/\/www.youtube.com\/user\/GARCIAFAURA\"]}]}<\/script>\n<!-- \/ Yoast SEO plugin. -->","yoast_head_json":{"title":"Fachadas ejecutadas por GARCIA FAURA - GARCIA FAURA","description":"Arquitectura en Alumini, Inox, Ferro i Vidre","robots":{"index":"index","follow":"follow","max-snippet":"max-snippet:-1","max-image-preview":"max-image-preview:large","max-video-preview":"max-video-preview:-1"},"canonical":"https:\/\/www.garciafaura.com\/es\/fachadas-ejecutadas-por-garcia-faura\/","og_locale":"es_ES","og_type":"article","og_title":"Fachadas ejecutadas por GARCIA FAURA - GARCIA FAURA","og_description":"Arquitectura en Alumini, Inox, Ferro i Vidre","og_url":"https:\/\/www.garciafaura.com\/es\/fachadas-ejecutadas-por-garcia-faura\/","og_site_name":"GARCIA FAURA","article_modified_time":"2021-08-02T10:14:35+00:00","twitter_card":"summary_large_image","twitter_misc":{"Tiempo de lectura":"1 minuto"},"schema":{"@context":"https:\/\/schema.org","@graph":[{"@type":"WebPage","@id":"https:\/\/www.garciafaura.com\/es\/fachadas-ejecutadas-por-garcia-faura\/","url":"https:\/\/www.garciafaura.com\/es\/fachadas-ejecutadas-por-garcia-faura\/","name":"Fachadas ejecutadas por GARCIA FAURA - GARCIA FAURA","isPartOf":{"@id":"https:\/\/www.garciafaura.com\/fr\/#website"},"datePublished":"2019-02-21T18:22:44+00:00","dateModified":"2021-08-02T10:14:35+00:00","description":"Arquitectura en Alumini, Inox, Ferro i Vidre","breadcrumb":{"@id":"https:\/\/www.garciafaura.com\/es\/fachadas-ejecutadas-por-garcia-faura\/#breadcrumb"},"inLanguage":"es","potentialAction":[{"@type":"ReadAction","target":["https:\/\/www.garciafaura.com\/es\/fachadas-ejecutadas-por-garcia-faura\/"]}]},{"@type":"BreadcrumbList","@id":"https:\/\/www.garciafaura.com\/es\/fachadas-ejecutadas-por-garcia-faura\/#breadcrumb","itemListElement":[{"@type":"ListItem","position":1,"name":"Inici","item":"https:\/\/www.garciafaura.com\/es\/"},{"@type":"ListItem","position":2,"name":"Fachadas ejecutadas por GARCIA FAURA"}]},{"@type":"WebSite","@id":"https:\/\/www.garciafaura.com\/fr\/#website","url":"https:\/\/www.garciafaura.com\/fr\/","name":"GARCIA FAURA","description":"Arquitectura en Alumini, Inox, Ferro i Vidre","publisher":{"@id":"https:\/\/www.garciafaura.com\/fr\/#organization"},"potentialAction":[{"@type":"SearchAction","target":{"@type":"EntryPoint","urlTemplate":"https:\/\/www.garciafaura.com\/fr\/?s={search_term_string}"},"query-input":{"@type":"PropertyValueSpecification","valueRequired":true,"valueName":"search_term_string"}}],"inLanguage":"es"},{"@type":"Organization","@id":"https:\/\/www.garciafaura.com\/fr\/#organization","name":"GARCIA FAURA","url":"https:\/\/www.garciafaura.com\/fr\/","logo":{"@type":"ImageObject","inLanguage":"es","@id":"https:\/\/www.garciafaura.com\/fr\/#\/schema\/logo\/image\/","url":"https:\/\/www.garciafaura.com\/wp-content\/uploads\/2018\/09\/Garcia-Faura.png","contentUrl":"https:\/\/www.garciafaura.com\/wp-content\/uploads\/2018\/09\/Garcia-Faura.png","width":512,"height":512,"caption":"GARCIA FAURA"},"image":{"@id":"https:\/\/www.garciafaura.com\/fr\/#\/schema\/logo\/image\/"},"sameAs":["https:\/\/www.youtube.com\/user\/GARCIAFAURA"]}]}},"_links":{"self":[{"href":"https:\/\/www.garciafaura.com\/es\/wp-json\/wp\/v2\/pages\/17227","targetHints":{"allow":["GET"]}}],"collection":[{"href":"https:\/\/www.garciafaura.com\/es\/wp-json\/wp\/v2\/pages"}],"about":[{"href":"https:\/\/www.garciafaura.com\/es\/wp-json\/wp\/v2\/types\/page"}],"author":[{"embeddable":true,"href":"https:\/\/www.garciafaura.com\/es\/wp-json\/wp\/v2\/users\/3"}],"replies":[{"embeddable":true,"href":"https:\/\/www.garciafaura.com\/es\/wp-json\/wp\/v2\/comments?post=17227"}],"version-history":[{"count":7,"href":"https:\/\/www.garciafaura.com\/es\/wp-json\/wp\/v2\/pages\/17227\/revisions"}],"predecessor-version":[{"id":27874,"href":"https:\/\/www.garciafaura.com\/es\/wp-json\/wp\/v2\/pages\/17227\/revisions\/27874"}],"wp:attachment":[{"href":"https:\/\/www.garciafaura.com\/es\/wp-json\/wp\/v2\/media?parent=17227"}],"curies":[{"name":"wp","href":"https:\/\/api.w.org\/{rel}","templated":true}]}}