{"id":17225,"date":"2019-02-21T18:20:28","date_gmt":"2019-02-21T18:20:28","guid":{"rendered":"https:\/\/www.garciafaura.com\/edificios-de-servicios-ejecutados-por-garcia-faura\/"},"modified":"2021-08-02T12:13:19","modified_gmt":"2021-08-02T10:13:19","slug":"edificios-de-servicios-ejecutados-por-garcia-faura","status":"publish","type":"page","link":"https:\/\/www.garciafaura.com\/es\/edificios-de-servicios-ejecutados-por-garcia-faura\/","title":{"rendered":"Edificios de Servicios ejecutados por GARCIA FAURA"},"content":{"rendered":"<div class=\"wpb-content-wrapper\">[vc_row full_width=\u00bbstretch_row\u00bb wpex_bg_overlay=\u00bbcolor\u00bb wpex_bg_overlay_color=\u00bb#d9d9d9&#8243; wpex_bg_overlay_opacity=\u00bb0.85&#8243;][vc_column]<div class=\"vcex-spacing\" style=\"height:30px\"><\/div>[vc_column_text]<span style=\"font-family: 'Open Sans'; font-size: 18px;\">Obra p\u00fablica y equipamientos al servicio del uso de la ciudadan\u00eda. Centros sanitarios, equipamientos deportivos o educativos, centros culturales,&#8230; <strong>GARCIA FAURA<\/strong> pone todo su conocimiento y capacidad t\u00e9cnica al servicio del uso p\u00fablico. Al servicio de todo tipo de servicios. <\/span>[\/vc_column_text][\/vc_column][\/vc_row][vc_row][vc_column width=\u00bb1\/2&#8243;][\/vc_column][vc_column width=\u00bb1\/2&#8243;]<div class=\"vcex-spacing\" style=\"height:30px\"><\/div><div class=\"vcex-module vcex-searchbar clr\"><form method=\"get\" class=\"vcex-searchbar-form\" action=\"https:\/\/www.garciafaura.com\/es\/\"><input type=\"search\" class=\"vcex-searchbar-input \" name=\"s\" placeholder=\"B\u00fasqueda\" \/><input type=\"hidden\" name=\"post_type\" value=\"portfolio\"><input type=\"hidden\" name=\"lang\" value=\"ca\"><button class=\"vcex-searchbar-button\" style=\"background:#d7515e;font-weight:200;\">B\u00fasqueda de proyectos<\/button><\/form><\/div>[\/vc_column][\/vc_row][vc_row full_width=\u00bbstretch_row\u00bb][vc_column]<div class=\"vcex-module vcex-portfolio-grid-wrap wpex-clr\"><div class=\"wpex-row vcex-portfolio-grid wpex-clr entries vcex-isotope-grid vcex-no-margin-grid\" data-show_title=\"false\"><div class=\"portfolio-entry vcex-grid-item entry-has-details span_1_of_3 col col-1 vcex-isotope-entry vcex-no-margin-entry post-41124 entry type-portfolio has-media cat-49 cat-58 translation_priority-6\"><div class=\"portfolio-entry-inner entry-inner wpex-clr\"><div class=\"portfolio-entry-media entry-media wpex-clr\"><a href=\"https:\/\/www.garciafaura.com\/wp-content\/uploads\/2025\/09\/Oficines-SAIER-Barcelona-11.jpg\" title=\"Rehabilitaci\u00f3n oficinas SAIER Barcelona\" class=\"portfolio-entry-media-link wpex-lightbox-gallery\" data-gallery=\"[{&quot;src&quot;:&quot;https:\\\/\\\/www.garciafaura.com\\\/wp-content\\\/uploads\\\/2025\\\/09\\\/Oficines-SAIER-Barcelona-11.jpg&quot;},{&quot;src&quot;:&quot;https:\\\/\\\/www.garciafaura.com\\\/wp-content\\\/uploads\\\/2025\\\/09\\\/Oficines-SAIER-Barcelona-01.jpg&quot;},{&quot;src&quot;:&quot;https:\\\/\\\/www.garciafaura.com\\\/wp-content\\\/uploads\\\/2025\\\/09\\\/Oficines-SAIER-Barcelona-02.jpg&quot;},{&quot;src&quot;:&quot;https:\\\/\\\/www.garciafaura.com\\\/wp-content\\\/uploads\\\/2025\\\/09\\\/Oficines-SAIER-Barcelona-03.jpg&quot;},{&quot;src&quot;:&quot;https:\\\/\\\/www.garciafaura.com\\\/wp-content\\\/uploads\\\/2025\\\/09\\\/Oficines-SAIER-Barcelona-04.jpg&quot;},{&quot;src&quot;:&quot;https:\\\/\\\/www.garciafaura.com\\\/wp-content\\\/uploads\\\/2025\\\/09\\\/Oficines-SAIER-Barcelona-05.jpg&quot;},{&quot;src&quot;:&quot;https:\\\/\\\/www.garciafaura.com\\\/wp-content\\\/uploads\\\/2025\\\/09\\\/Oficines-SAIER-Barcelona-06.jpg&quot;},{&quot;src&quot;:&quot;https:\\\/\\\/www.garciafaura.com\\\/wp-content\\\/uploads\\\/2025\\\/09\\\/Oficines-SAIER-Barcelona-07.jpg&quot;},{&quot;src&quot;:&quot;https:\\\/\\\/www.garciafaura.com\\\/wp-content\\\/uploads\\\/2025\\\/09\\\/Oficines-SAIER-Barcelona-08.jpg&quot;},{&quot;src&quot;:&quot;https:\\\/\\\/www.garciafaura.com\\\/wp-content\\\/uploads\\\/2025\\\/09\\\/Oficines-SAIER-Barcelona-09.jpg&quot;},{&quot;src&quot;:&quot;https:\\\/\\\/www.garciafaura.com\\\/wp-content\\\/uploads\\\/2025\\\/09\\\/Oficines-SAIER-Barcelona-10.jpg&quot;},{&quot;src&quot;:&quot;https:\\\/\\\/www.garciafaura.com\\\/wp-content\\\/uploads\\\/2025\\\/09\\\/Oficines-SAIER-Barcelona-12.jpg&quot;},{&quot;src&quot;:&quot;https:\\\/\\\/www.garciafaura.com\\\/wp-content\\\/uploads\\\/2025\\\/09\\\/Oficines-SAIER-Barcelona-13.jpg&quot;},{&quot;src&quot;:&quot;https:\\\/\\\/www.garciafaura.com\\\/wp-content\\\/uploads\\\/2025\\\/09\\\/Oficines-SAIER-Barcelona-14.jpg&quot;},{&quot;src&quot;:&quot;https:\\\/\\\/www.garciafaura.com\\\/wp-content\\\/uploads\\\/2025\\\/09\\\/Oficines-SAIER-Barcelona-15.jpg&quot;},{&quot;src&quot;:&quot;https:\\\/\\\/www.garciafaura.com\\\/wp-content\\\/uploads\\\/2025\\\/09\\\/Oficines-SAIER-Barcelona-16.jpg&quot;},{&quot;src&quot;:&quot;https:\\\/\\\/www.garciafaura.com\\\/wp-content\\\/uploads\\\/2025\\\/09\\\/Oficines-SAIER-Barcelona-17.jpg&quot;},{&quot;src&quot;:&quot;https:\\\/\\\/www.garciafaura.com\\\/wp-content\\\/uploads\\\/2025\\\/09\\\/Oficines-SAIER-Barcelona-18.jpg&quot;},{&quot;src&quot;:&quot;https:\\\/\\\/www.garciafaura.com\\\/wp-content\\\/uploads\\\/2025\\\/09\\\/Oficines-SAIER-Barcelona-19.jpg&quot;},{&quot;src&quot;:&quot;https:\\\/\\\/www.garciafaura.com\\\/wp-content\\\/uploads\\\/2025\\\/09\\\/Oficines-SAIER-Barcelona-20.jpg&quot;},{&quot;src&quot;:&quot;https:\\\/\\\/www.garciafaura.com\\\/wp-content\\\/uploads\\\/2025\\\/09\\\/Oficines-SAIER-Barcelona-21.jpg&quot;},{&quot;src&quot;:&quot;https:\\\/\\\/www.garciafaura.com\\\/wp-content\\\/uploads\\\/2025\\\/09\\\/Oficines-SAIER-Barcelona-22.jpg&quot;},{&quot;src&quot;:&quot;https:\\\/\\\/www.garciafaura.com\\\/wp-content\\\/uploads\\\/2025\\\/09\\\/Oficines-SAIER-Barcelona-23.jpg&quot;},{&quot;src&quot;:&quot;https:\\\/\\\/www.garciafaura.com\\\/wp-content\\\/uploads\\\/2025\\\/09\\\/Oficines-SAIER-Barcelona-24.jpg&quot;},{&quot;src&quot;:&quot;https:\\\/\\\/www.garciafaura.com\\\/wp-content\\\/uploads\\\/2025\\\/09\\\/Oficines-SAIER-Barcelona-25.jpg&quot;},{&quot;src&quot;:&quot;https:\\\/\\\/www.garciafaura.com\\\/wp-content\\\/uploads\\\/2025\\\/09\\\/Oficines-SAIER-Barcelona-26.jpg&quot;},{&quot;src&quot;:&quot;https:\\\/\\\/www.garciafaura.com\\\/wp-content\\\/uploads\\\/2025\\\/09\\\/Oficines-SAIER-Barcelona-27.jpg&quot;},{&quot;src&quot;:&quot;https:\\\/\\\/www.garciafaura.com\\\/wp-content\\\/uploads\\\/2025\\\/09\\\/Oficines-SAIER-Barcelona-28.jpg&quot;},{&quot;src&quot;:&quot;https:\\\/\\\/www.garciafaura.com\\\/wp-content\\\/uploads\\\/2025\\\/09\\\/Oficines-SAIER-Barcelona-29.jpg&quot;},{&quot;src&quot;:&quot;https:\\\/\\\/www.garciafaura.com\\\/wp-content\\\/uploads\\\/2025\\\/09\\\/Oficines-SAIER-Barcelona-30.jpg&quot;},{&quot;src&quot;:&quot;https:\\\/\\\/www.garciafaura.com\\\/wp-content\\\/uploads\\\/2025\\\/09\\\/Oficines-SAIER-Barcelona-31.jpg&quot;},{&quot;src&quot;:&quot;https:\\\/\\\/www.garciafaura.com\\\/wp-content\\\/uploads\\\/2025\\\/09\\\/Oficines-SAIER-Barcelona-32.jpg&quot;},{&quot;src&quot;:&quot;https:\\\/\\\/www.garciafaura.com\\\/wp-content\\\/uploads\\\/2025\\\/09\\\/Oficines-SAIER-Barcelona-33.jpg&quot;},{&quot;src&quot;:&quot;https:\\\/\\\/www.garciafaura.com\\\/wp-content\\\/uploads\\\/2025\\\/09\\\/Oficines-SAIER-Barcelona-34.jpg&quot;},{&quot;src&quot;:&quot;https:\\\/\\\/www.garciafaura.com\\\/wp-content\\\/uploads\\\/2025\\\/09\\\/Oficines-SAIER-Barcelona-35.jpg&quot;},{&quot;src&quot;:&quot;https:\\\/\\\/www.garciafaura.com\\\/wp-content\\\/uploads\\\/2025\\\/09\\\/Oficines-SAIER-Barcelona-36.jpg&quot;},{&quot;src&quot;:&quot;https:\\\/\\\/www.garciafaura.com\\\/wp-content\\\/uploads\\\/2025\\\/09\\\/Oficines-SAIER-Barcelona-37.jpg&quot;},{&quot;src&quot;:&quot;https:\\\/\\\/www.garciafaura.com\\\/wp-content\\\/uploads\\\/2025\\\/09\\\/Oficines-SAIER-Barcelona-38.jpg&quot;},{&quot;src&quot;:&quot;https:\\\/\\\/www.garciafaura.com\\\/wp-content\\\/uploads\\\/2025\\\/09\\\/Oficines-SAIER-Barcelona-39.jpg&quot;}]\"><img loading=\"lazy\" decoding=\"async\" data-no-lazy=\"1\" class=\"portfolio-entry-img skip-lazy\" src=\"https:\/\/www.garciafaura.com\/wp-content\/uploads\/2025\/09\/Oficines-SAIER-Barcelona-11-600x314.jpg\" alt='' data-no-retina width=\"600\" height=\"314\" \/><\/a><\/div><div class=\"portfolio-entry-details entry-details wpex-clr\"><h2 class=\"portfolio-entry-title entry-title\"><a href=\"https:\/\/www.garciafaura.com\/es\/portfolio-item\/rehabilitacio-edifici-doficines-saier-barcelona\/\" title=\"Rehabilitaci\u00f3n oficinas SAIER Barcelona\">Rehabilitaci\u00f3n oficinas SAIER Barcelona<\/a><\/h2><div class=\"portfolio-entry-categories entry-categories wpex-clr\"><a href=\"https:\/\/www.garciafaura.com\/es\/portfolio-category\/edificios-de-servicios\/\" class=\"term-49\">Edificios de Servicios<\/a><\/div><\/div><\/div><\/div><div class=\"portfolio-entry vcex-grid-item entry-has-details span_1_of_3 col col-2 vcex-isotope-entry vcex-no-margin-entry post-33672 entry type-portfolio has-media cat-49 translation_priority-6\"><div class=\"portfolio-entry-inner entry-inner wpex-clr\"><div class=\"portfolio-entry-media entry-media wpex-clr\"><a href=\"https:\/\/www.garciafaura.com\/wp-content\/uploads\/2023\/11\/Nou-Institut-Mollet-16.jpg\" title=\"Nuevo instituto de Mollet del Vall\u00e8s\" class=\"portfolio-entry-media-link wpex-lightbox-gallery\" data-gallery=\"[{&quot;src&quot;:&quot;https:\\\/\\\/www.garciafaura.com\\\/wp-content\\\/uploads\\\/2023\\\/11\\\/Nou-Institut-Mollet-16.jpg&quot;},{&quot;src&quot;:&quot;https:\\\/\\\/www.garciafaura.com\\\/wp-content\\\/uploads\\\/2023\\\/11\\\/Nou-Institut-Mollet-15.jpg&quot;},{&quot;src&quot;:&quot;https:\\\/\\\/www.garciafaura.com\\\/wp-content\\\/uploads\\\/2023\\\/11\\\/Nou-Institut-Mollet-14.jpg&quot;},{&quot;src&quot;:&quot;https:\\\/\\\/www.garciafaura.com\\\/wp-content\\\/uploads\\\/2023\\\/11\\\/Nou-Institut-Mollet-13.jpg&quot;},{&quot;src&quot;:&quot;https:\\\/\\\/www.garciafaura.com\\\/wp-content\\\/uploads\\\/2023\\\/11\\\/Nou-Institut-Mollet-12.jpg&quot;},{&quot;src&quot;:&quot;https:\\\/\\\/www.garciafaura.com\\\/wp-content\\\/uploads\\\/2023\\\/11\\\/Nou-Institut-Mollet-11.jpg&quot;},{&quot;src&quot;:&quot;https:\\\/\\\/www.garciafaura.com\\\/wp-content\\\/uploads\\\/2023\\\/11\\\/Nou-Institut-Mollet-10.jpg&quot;},{&quot;src&quot;:&quot;https:\\\/\\\/www.garciafaura.com\\\/wp-content\\\/uploads\\\/2023\\\/11\\\/Nou-Institut-Mollet-09.jpg&quot;},{&quot;src&quot;:&quot;https:\\\/\\\/www.garciafaura.com\\\/wp-content\\\/uploads\\\/2023\\\/11\\\/Nou-Institut-Mollet-08.jpg&quot;},{&quot;src&quot;:&quot;https:\\\/\\\/www.garciafaura.com\\\/wp-content\\\/uploads\\\/2023\\\/11\\\/Nou-Institut-Mollet-07.jpg&quot;},{&quot;src&quot;:&quot;https:\\\/\\\/www.garciafaura.com\\\/wp-content\\\/uploads\\\/2023\\\/11\\\/Nou-Institut-Mollet-06.jpg&quot;},{&quot;src&quot;:&quot;https:\\\/\\\/www.garciafaura.com\\\/wp-content\\\/uploads\\\/2023\\\/11\\\/Nou-Institut-Mollet-05.jpg&quot;},{&quot;src&quot;:&quot;https:\\\/\\\/www.garciafaura.com\\\/wp-content\\\/uploads\\\/2023\\\/11\\\/Nou-Institut-Mollet-04.jpg&quot;},{&quot;src&quot;:&quot;https:\\\/\\\/www.garciafaura.com\\\/wp-content\\\/uploads\\\/2023\\\/11\\\/Nou-Institut-Mollet-03.jpg&quot;},{&quot;src&quot;:&quot;https:\\\/\\\/www.garciafaura.com\\\/wp-content\\\/uploads\\\/2023\\\/11\\\/Nou-Institut-Mollet-02.jpg&quot;},{&quot;src&quot;:&quot;https:\\\/\\\/www.garciafaura.com\\\/wp-content\\\/uploads\\\/2023\\\/11\\\/Nou-Institut-Mollet-01.jpg&quot;}]\"><img loading=\"lazy\" decoding=\"async\" data-no-lazy=\"1\" class=\"portfolio-entry-img skip-lazy\" src=\"https:\/\/www.garciafaura.com\/wp-content\/uploads\/2023\/11\/Nou-Institut-Mollet-16-600x314.jpg\" alt='' data-no-retina width=\"600\" height=\"314\" \/><\/a><\/div><div class=\"portfolio-entry-details entry-details wpex-clr\"><h2 class=\"portfolio-entry-title entry-title\"><a href=\"https:\/\/www.garciafaura.com\/es\/portfolio-item\/nou-institut-de-mollet-del-valles\/\" title=\"Nuevo instituto de Mollet del Vall\u00e8s\">Nuevo instituto de Mollet del Vall\u00e8s<\/a><\/h2><div class=\"portfolio-entry-categories entry-categories wpex-clr\"><a href=\"https:\/\/www.garciafaura.com\/es\/portfolio-category\/edificios-de-servicios\/\" class=\"term-49\">Edificios de Servicios<\/a><\/div><\/div><\/div><\/div><div class=\"portfolio-entry vcex-grid-item entry-has-details span_1_of_3 col col-3 vcex-isotope-entry vcex-no-margin-entry post-32479 entry type-portfolio has-media cat-49 cat-50 translation_priority-6\"><div class=\"portfolio-entry-inner entry-inner wpex-clr\"><div class=\"portfolio-entry-media entry-media wpex-clr\"><a href=\"https:\/\/www.garciafaura.com\/wp-content\/uploads\/2023\/08\/Nou-edifici-de-serveis-Reial-Club-de-Polo-12.jpg\" title=\"Nuevo edificio de servicios RCP\" class=\"portfolio-entry-media-link wpex-lightbox-gallery\" data-gallery=\"[{&quot;src&quot;:&quot;https:\\\/\\\/www.garciafaura.com\\\/wp-content\\\/uploads\\\/2023\\\/08\\\/Nou-edifici-de-serveis-Reial-Club-de-Polo-12.jpg&quot;},{&quot;src&quot;:&quot;https:\\\/\\\/www.garciafaura.com\\\/wp-content\\\/uploads\\\/2023\\\/08\\\/Nou-edifici-de-serveis-Reial-Club-de-Polo-35.jpg&quot;},{&quot;src&quot;:&quot;https:\\\/\\\/www.garciafaura.com\\\/wp-content\\\/uploads\\\/2023\\\/08\\\/Nou-edifici-de-serveis-Reial-Club-de-Polo-10.jpg&quot;},{&quot;src&quot;:&quot;https:\\\/\\\/www.garciafaura.com\\\/wp-content\\\/uploads\\\/2023\\\/08\\\/Nou-edifici-de-serveis-Reial-Club-de-Polo-34.jpg&quot;},{&quot;src&quot;:&quot;https:\\\/\\\/www.garciafaura.com\\\/wp-content\\\/uploads\\\/2023\\\/08\\\/Nou-edifici-de-serveis-Reial-Club-de-Polo-53.jpg&quot;},{&quot;src&quot;:&quot;https:\\\/\\\/www.garciafaura.com\\\/wp-content\\\/uploads\\\/2023\\\/08\\\/Nou-edifici-de-serveis-Reial-Club-de-Polo-52.jpg&quot;},{&quot;src&quot;:&quot;https:\\\/\\\/www.garciafaura.com\\\/wp-content\\\/uploads\\\/2023\\\/08\\\/Nou-edifici-de-serveis-Reial-Club-de-Polo-51.jpg&quot;},{&quot;src&quot;:&quot;https:\\\/\\\/www.garciafaura.com\\\/wp-content\\\/uploads\\\/2023\\\/08\\\/Nou-edifici-de-serveis-Reial-Club-de-Polo-50.jpg&quot;},{&quot;src&quot;:&quot;https:\\\/\\\/www.garciafaura.com\\\/wp-content\\\/uploads\\\/2023\\\/08\\\/Nou-edifici-de-serveis-Reial-Club-de-Polo-49.jpg&quot;},{&quot;src&quot;:&quot;https:\\\/\\\/www.garciafaura.com\\\/wp-content\\\/uploads\\\/2023\\\/08\\\/Nou-edifici-de-serveis-Reial-Club-de-Polo-48.jpg&quot;},{&quot;src&quot;:&quot;https:\\\/\\\/www.garciafaura.com\\\/wp-content\\\/uploads\\\/2023\\\/08\\\/Nou-edifici-de-serveis-Reial-Club-de-Polo-47.jpg&quot;},{&quot;src&quot;:&quot;https:\\\/\\\/www.garciafaura.com\\\/wp-content\\\/uploads\\\/2023\\\/08\\\/Nou-edifici-de-serveis-Reial-Club-de-Polo-46.jpg&quot;},{&quot;src&quot;:&quot;https:\\\/\\\/www.garciafaura.com\\\/wp-content\\\/uploads\\\/2023\\\/08\\\/Nou-edifici-de-serveis-Reial-Club-de-Polo-45.jpg&quot;},{&quot;src&quot;:&quot;https:\\\/\\\/www.garciafaura.com\\\/wp-content\\\/uploads\\\/2023\\\/08\\\/Nou-edifici-de-serveis-Reial-Club-de-Polo-43.jpg&quot;},{&quot;src&quot;:&quot;https:\\\/\\\/www.garciafaura.com\\\/wp-content\\\/uploads\\\/2023\\\/08\\\/Nou-edifici-de-serveis-Reial-Club-de-Polo-42.jpg&quot;},{&quot;src&quot;:&quot;https:\\\/\\\/www.garciafaura.com\\\/wp-content\\\/uploads\\\/2023\\\/08\\\/Nou-edifici-de-serveis-Reial-Club-de-Polo-41.jpg&quot;},{&quot;src&quot;:&quot;https:\\\/\\\/www.garciafaura.com\\\/wp-content\\\/uploads\\\/2023\\\/08\\\/Nou-edifici-de-serveis-Reial-Club-de-Polo-40.jpg&quot;},{&quot;src&quot;:&quot;https:\\\/\\\/www.garciafaura.com\\\/wp-content\\\/uploads\\\/2023\\\/08\\\/Nou-edifici-de-serveis-Reial-Club-de-Polo-20.jpg&quot;},{&quot;src&quot;:&quot;https:\\\/\\\/www.garciafaura.com\\\/wp-content\\\/uploads\\\/2023\\\/08\\\/Nou-edifici-de-serveis-Reial-Club-de-Polo-39.jpg&quot;},{&quot;src&quot;:&quot;https:\\\/\\\/www.garciafaura.com\\\/wp-content\\\/uploads\\\/2023\\\/08\\\/Nou-edifici-de-serveis-Reial-Club-de-Polo-19.jpg&quot;},{&quot;src&quot;:&quot;https:\\\/\\\/www.garciafaura.com\\\/wp-content\\\/uploads\\\/2023\\\/08\\\/Nou-edifici-de-serveis-Reial-Club-de-Polo-13.jpg&quot;},{&quot;src&quot;:&quot;https:\\\/\\\/www.garciafaura.com\\\/wp-content\\\/uploads\\\/2023\\\/08\\\/Nou-edifici-de-serveis-Reial-Club-de-Polo-21.jpg&quot;},{&quot;src&quot;:&quot;https:\\\/\\\/www.garciafaura.com\\\/wp-content\\\/uploads\\\/2023\\\/08\\\/Nou-edifici-de-serveis-Reial-Club-de-Polo-38.jpg&quot;},{&quot;src&quot;:&quot;https:\\\/\\\/www.garciafaura.com\\\/wp-content\\\/uploads\\\/2023\\\/08\\\/Nou-edifici-de-serveis-Reial-Club-de-Polo-23.jpg&quot;},{&quot;src&quot;:&quot;https:\\\/\\\/www.garciafaura.com\\\/wp-content\\\/uploads\\\/2023\\\/08\\\/Nou-edifici-de-serveis-Reial-Club-de-Polo-18.jpg&quot;},{&quot;src&quot;:&quot;https:\\\/\\\/www.garciafaura.com\\\/wp-content\\\/uploads\\\/2023\\\/08\\\/Nou-edifici-de-serveis-Reial-Club-de-Polo-16.jpg&quot;},{&quot;src&quot;:&quot;https:\\\/\\\/www.garciafaura.com\\\/wp-content\\\/uploads\\\/2023\\\/08\\\/Nou-edifici-de-serveis-Reial-Club-de-Polo-15.jpg&quot;},{&quot;src&quot;:&quot;https:\\\/\\\/www.garciafaura.com\\\/wp-content\\\/uploads\\\/2023\\\/08\\\/Nou-edifici-de-serveis-Reial-Club-de-Polo-09.jpg&quot;},{&quot;src&quot;:&quot;https:\\\/\\\/www.garciafaura.com\\\/wp-content\\\/uploads\\\/2023\\\/08\\\/Nou-edifici-de-serveis-Reial-Club-de-Polo-11.jpg&quot;},{&quot;src&quot;:&quot;https:\\\/\\\/www.garciafaura.com\\\/wp-content\\\/uploads\\\/2023\\\/08\\\/Nou-edifici-de-serveis-Reial-Club-de-Polo-24.jpg&quot;},{&quot;src&quot;:&quot;https:\\\/\\\/www.garciafaura.com\\\/wp-content\\\/uploads\\\/2023\\\/08\\\/Nou-edifici-de-serveis-Reial-Club-de-Polo-33.jpg&quot;},{&quot;src&quot;:&quot;https:\\\/\\\/www.garciafaura.com\\\/wp-content\\\/uploads\\\/2023\\\/08\\\/Nou-edifici-de-serveis-Reial-Club-de-Polo-37.jpg&quot;},{&quot;src&quot;:&quot;https:\\\/\\\/www.garciafaura.com\\\/wp-content\\\/uploads\\\/2023\\\/08\\\/Nou-edifici-de-serveis-Reial-Club-de-Polo-36.jpg&quot;},{&quot;src&quot;:&quot;https:\\\/\\\/www.garciafaura.com\\\/wp-content\\\/uploads\\\/2023\\\/08\\\/Nou-edifici-de-serveis-Reial-Club-de-Polo-32.jpg&quot;},{&quot;src&quot;:&quot;https:\\\/\\\/www.garciafaura.com\\\/wp-content\\\/uploads\\\/2023\\\/08\\\/Nou-edifici-de-serveis-Reial-Club-de-Polo-31.jpg&quot;},{&quot;src&quot;:&quot;https:\\\/\\\/www.garciafaura.com\\\/wp-content\\\/uploads\\\/2023\\\/08\\\/Nou-edifici-de-serveis-Reial-Club-de-Polo-30.jpg&quot;},{&quot;src&quot;:&quot;https:\\\/\\\/www.garciafaura.com\\\/wp-content\\\/uploads\\\/2023\\\/08\\\/Nou-edifici-de-serveis-Reial-Club-de-Polo-29.jpg&quot;},{&quot;src&quot;:&quot;https:\\\/\\\/www.garciafaura.com\\\/wp-content\\\/uploads\\\/2023\\\/08\\\/Nou-edifici-de-serveis-Reial-Club-de-Polo-28.jpg&quot;},{&quot;src&quot;:&quot;https:\\\/\\\/www.garciafaura.com\\\/wp-content\\\/uploads\\\/2023\\\/08\\\/Nou-edifici-de-serveis-Reial-Club-de-Polo-26.jpg&quot;},{&quot;src&quot;:&quot;https:\\\/\\\/www.garciafaura.com\\\/wp-content\\\/uploads\\\/2023\\\/08\\\/Nou-edifici-de-serveis-Reial-Club-de-Polo-25.jpg&quot;},{&quot;src&quot;:&quot;https:\\\/\\\/www.garciafaura.com\\\/wp-content\\\/uploads\\\/2023\\\/08\\\/Nou-edifici-de-serveis-Reial-Club-de-Polo-14.jpg&quot;},{&quot;src&quot;:&quot;https:\\\/\\\/www.garciafaura.com\\\/wp-content\\\/uploads\\\/2023\\\/08\\\/Nou-edifici-de-serveis-Reial-Club-de-Polo-08.jpg&quot;},{&quot;src&quot;:&quot;https:\\\/\\\/www.garciafaura.com\\\/wp-content\\\/uploads\\\/2023\\\/08\\\/Nou-edifici-de-serveis-Reial-Club-de-Polo-07.jpg&quot;},{&quot;src&quot;:&quot;https:\\\/\\\/www.garciafaura.com\\\/wp-content\\\/uploads\\\/2023\\\/08\\\/Nou-edifici-de-serveis-Reial-Club-de-Polo-06.jpg&quot;},{&quot;src&quot;:&quot;https:\\\/\\\/www.garciafaura.com\\\/wp-content\\\/uploads\\\/2023\\\/08\\\/Nou-edifici-de-serveis-Reial-Club-de-Polo-05.jpg&quot;},{&quot;src&quot;:&quot;https:\\\/\\\/www.garciafaura.com\\\/wp-content\\\/uploads\\\/2023\\\/08\\\/Nou-edifici-de-serveis-Reial-Club-de-Polo-54.jpg&quot;},{&quot;src&quot;:&quot;https:\\\/\\\/www.garciafaura.com\\\/wp-content\\\/uploads\\\/2023\\\/08\\\/Nou-edifici-de-serveis-Reial-Club-de-Polo-04.jpg&quot;},{&quot;src&quot;:&quot;https:\\\/\\\/www.garciafaura.com\\\/wp-content\\\/uploads\\\/2023\\\/08\\\/Nou-edifici-de-serveis-Reial-Club-de-Polo-02.jpg&quot;},{&quot;src&quot;:&quot;https:\\\/\\\/www.garciafaura.com\\\/wp-content\\\/uploads\\\/2023\\\/08\\\/Nou-edifici-de-serveis-Reial-Club-de-Polo-03.jpg&quot;},{&quot;src&quot;:&quot;https:\\\/\\\/www.garciafaura.com\\\/wp-content\\\/uploads\\\/2023\\\/08\\\/Nou-edifici-de-serveis-Reial-Club-de-Polo-17.jpg&quot;},{&quot;src&quot;:&quot;https:\\\/\\\/www.garciafaura.com\\\/wp-content\\\/uploads\\\/2023\\\/08\\\/Nou-edifici-de-serveis-Reial-Club-de-Polo-22.jpg&quot;},{&quot;src&quot;:&quot;https:\\\/\\\/www.garciafaura.com\\\/wp-content\\\/uploads\\\/2023\\\/08\\\/Nou-edifici-de-serveis-Reial-Club-de-Polo-44.jpg&quot;},{&quot;src&quot;:&quot;https:\\\/\\\/www.garciafaura.com\\\/wp-content\\\/uploads\\\/2023\\\/08\\\/Nou-edifici-de-serveis-Reial-Club-de-Polo-27.jpg&quot;},{&quot;src&quot;:&quot;https:\\\/\\\/www.garciafaura.com\\\/wp-content\\\/uploads\\\/2023\\\/08\\\/Nou-edifici-de-serveis-Reial-Club-de-Polo-01.jpg&quot;}]\"><img loading=\"lazy\" decoding=\"async\" data-no-lazy=\"1\" class=\"portfolio-entry-img skip-lazy\" src=\"https:\/\/www.garciafaura.com\/wp-content\/uploads\/2023\/08\/Nou-edifici-de-serveis-Reial-Club-de-Polo-12-600x314.jpg\" alt='' data-no-retina width=\"600\" height=\"314\" \/><\/a><\/div><div class=\"portfolio-entry-details entry-details wpex-clr\"><h2 class=\"portfolio-entry-title entry-title\"><a href=\"https:\/\/www.garciafaura.com\/es\/portfolio-item\/nou-edifici-de-serveis-rcp\/\" title=\"Nuevo edificio de servicios RCP\">Nuevo edificio de servicios RCP<\/a><\/h2><div class=\"portfolio-entry-categories entry-categories wpex-clr\"><a href=\"https:\/\/www.garciafaura.com\/es\/portfolio-category\/edificios-de-servicios\/\" class=\"term-49\">Edificios de Servicios<\/a><\/div><\/div><\/div><\/div><div class=\"portfolio-entry vcex-grid-item entry-has-details span_1_of_3 col col-1 vcex-isotope-entry vcex-no-margin-entry post-32338 entry type-portfolio has-media cat-49 cat-58 translation_priority-6\"><div class=\"portfolio-entry-inner entry-inner wpex-clr\"><div class=\"portfolio-entry-media entry-media wpex-clr\"><a href=\"https:\/\/www.garciafaura.com\/wp-content\/uploads\/2023\/07\/Vapor-Cortes-Terrassa-23.jpg\" title=\"Rehabilitaci\u00f3n Vapor Cort\u00e8s\" class=\"portfolio-entry-media-link wpex-lightbox-gallery\" data-gallery=\"[{&quot;src&quot;:&quot;https:\\\/\\\/www.garciafaura.com\\\/wp-content\\\/uploads\\\/2023\\\/07\\\/Vapor-Cortes-Terrassa-23.jpg&quot;},{&quot;src&quot;:&quot;https:\\\/\\\/www.garciafaura.com\\\/wp-content\\\/uploads\\\/2023\\\/07\\\/Vapor-Cortes-Terrassa-1-scaled.jpg&quot;},{&quot;src&quot;:&quot;https:\\\/\\\/www.garciafaura.com\\\/wp-content\\\/uploads\\\/2023\\\/07\\\/Vapor-Cortes-Terrassa-29-scaled.jpg&quot;},{&quot;src&quot;:&quot;https:\\\/\\\/www.garciafaura.com\\\/wp-content\\\/uploads\\\/2023\\\/07\\\/Vapor-Cortes-Terrassa-28-scaled.jpg&quot;},{&quot;src&quot;:&quot;https:\\\/\\\/www.garciafaura.com\\\/wp-content\\\/uploads\\\/2023\\\/07\\\/Vapor-Cortes-Terrassa-27.jpg&quot;},{&quot;src&quot;:&quot;https:\\\/\\\/www.garciafaura.com\\\/wp-content\\\/uploads\\\/2023\\\/07\\\/Vapor-Cortes-Terrassa-26.jpg&quot;},{&quot;src&quot;:&quot;https:\\\/\\\/www.garciafaura.com\\\/wp-content\\\/uploads\\\/2023\\\/07\\\/Vapor-Cortes-Terrassa-25.jpg&quot;},{&quot;src&quot;:&quot;https:\\\/\\\/www.garciafaura.com\\\/wp-content\\\/uploads\\\/2023\\\/07\\\/Vapor-Cortes-Terrassa-24.jpg&quot;},{&quot;src&quot;:&quot;https:\\\/\\\/www.garciafaura.com\\\/wp-content\\\/uploads\\\/2023\\\/07\\\/Vapor-Cortes-Terrassa-22.jpg&quot;},{&quot;src&quot;:&quot;https:\\\/\\\/www.garciafaura.com\\\/wp-content\\\/uploads\\\/2023\\\/07\\\/Vapor-Cortes-Terrassa-21.jpg&quot;},{&quot;src&quot;:&quot;https:\\\/\\\/www.garciafaura.com\\\/wp-content\\\/uploads\\\/2023\\\/07\\\/Vapor-Cortes-Terrassa-20.jpg&quot;},{&quot;src&quot;:&quot;https:\\\/\\\/www.garciafaura.com\\\/wp-content\\\/uploads\\\/2023\\\/07\\\/Vapor-Cortes-Terrassa-19.jpg&quot;},{&quot;src&quot;:&quot;https:\\\/\\\/www.garciafaura.com\\\/wp-content\\\/uploads\\\/2023\\\/07\\\/Vapor-Cortes-Terrassa-18.jpg&quot;},{&quot;src&quot;:&quot;https:\\\/\\\/www.garciafaura.com\\\/wp-content\\\/uploads\\\/2023\\\/07\\\/Vapor-Cortes-Terrassa-17-scaled.jpg&quot;},{&quot;src&quot;:&quot;https:\\\/\\\/www.garciafaura.com\\\/wp-content\\\/uploads\\\/2023\\\/07\\\/Vapor-Cortes-Terrassa-16-scaled.jpg&quot;},{&quot;src&quot;:&quot;https:\\\/\\\/www.garciafaura.com\\\/wp-content\\\/uploads\\\/2023\\\/07\\\/Vapor-Cortes-Terrassa-15.jpg&quot;},{&quot;src&quot;:&quot;https:\\\/\\\/www.garciafaura.com\\\/wp-content\\\/uploads\\\/2023\\\/07\\\/Vapor-Cortes-Terrassa-14.jpg&quot;},{&quot;src&quot;:&quot;https:\\\/\\\/www.garciafaura.com\\\/wp-content\\\/uploads\\\/2023\\\/07\\\/Vapor-Cortes-Terrassa-13.jpg&quot;},{&quot;src&quot;:&quot;https:\\\/\\\/www.garciafaura.com\\\/wp-content\\\/uploads\\\/2023\\\/07\\\/Vapor-Cortes-Terrassa-12.jpg&quot;},{&quot;src&quot;:&quot;https:\\\/\\\/www.garciafaura.com\\\/wp-content\\\/uploads\\\/2023\\\/07\\\/Vapor-Cortes-Terrassa-11.jpg&quot;},{&quot;src&quot;:&quot;https:\\\/\\\/www.garciafaura.com\\\/wp-content\\\/uploads\\\/2023\\\/07\\\/Vapor-Cortes-Terrassa-10.jpg&quot;},{&quot;src&quot;:&quot;https:\\\/\\\/www.garciafaura.com\\\/wp-content\\\/uploads\\\/2023\\\/07\\\/Vapor-Cortes-Terrassa-9.jpg&quot;},{&quot;src&quot;:&quot;https:\\\/\\\/www.garciafaura.com\\\/wp-content\\\/uploads\\\/2023\\\/07\\\/Vapor-Cortes-Terrassa-8.jpg&quot;},{&quot;src&quot;:&quot;https:\\\/\\\/www.garciafaura.com\\\/wp-content\\\/uploads\\\/2023\\\/07\\\/Vapor-Cortes-Terrassa-7.jpg&quot;},{&quot;src&quot;:&quot;https:\\\/\\\/www.garciafaura.com\\\/wp-content\\\/uploads\\\/2023\\\/07\\\/Vapor-Cortes-Terrassa-6.jpg&quot;},{&quot;src&quot;:&quot;https:\\\/\\\/www.garciafaura.com\\\/wp-content\\\/uploads\\\/2023\\\/07\\\/Vapor-Cortes-Terrassa-5.jpg&quot;},{&quot;src&quot;:&quot;https:\\\/\\\/www.garciafaura.com\\\/wp-content\\\/uploads\\\/2023\\\/07\\\/Vapor-Cortes-Terrassa-4.jpg&quot;},{&quot;src&quot;:&quot;https:\\\/\\\/www.garciafaura.com\\\/wp-content\\\/uploads\\\/2023\\\/07\\\/Vapor-Cortes-Terrassa-3.jpg&quot;},{&quot;src&quot;:&quot;https:\\\/\\\/www.garciafaura.com\\\/wp-content\\\/uploads\\\/2023\\\/07\\\/Vapor-Cortes-Terrassa-2.jpg&quot;}]\"><img loading=\"lazy\" decoding=\"async\" data-no-lazy=\"1\" class=\"portfolio-entry-img skip-lazy\" src=\"https:\/\/www.garciafaura.com\/wp-content\/uploads\/2023\/07\/Vapor-Cortes-Terrassa-23-600x314.jpg\" alt='' data-no-retina width=\"600\" height=\"314\" \/><\/a><\/div><div class=\"portfolio-entry-details entry-details wpex-clr\"><h2 class=\"portfolio-entry-title entry-title\"><a href=\"https:\/\/www.garciafaura.com\/es\/portfolio-item\/rehabilitacio-vapor-cortes\/\" title=\"Rehabilitaci\u00f3n Vapor Cort\u00e8s\">Rehabilitaci\u00f3n Vapor Cort\u00e8s<\/a><\/h2><div class=\"portfolio-entry-categories entry-categories wpex-clr\"><a href=\"https:\/\/www.garciafaura.com\/es\/portfolio-category\/edificios-de-servicios\/\" class=\"term-49\">Edificios de Servicios<\/a><\/div><\/div><\/div><\/div><div class=\"portfolio-entry vcex-grid-item entry-has-details span_1_of_3 col col-2 vcex-isotope-entry vcex-no-margin-entry post-32268 entry type-portfolio has-media cat-49 cat-50 cat-51 cat-52 translation_priority-6\"><div class=\"portfolio-entry-inner entry-inner wpex-clr\"><div class=\"portfolio-entry-media entry-media wpex-clr\"><a href=\"https:\/\/www.garciafaura.com\/wp-content\/uploads\/2023\/07\/Seu-SEM-Garcia-Faura-23.jpg\" title=\"Nueva sede del SEM\" class=\"portfolio-entry-media-link wpex-lightbox-gallery\" data-gallery=\"[{&quot;src&quot;:&quot;https:\\\/\\\/www.garciafaura.com\\\/wp-content\\\/uploads\\\/2023\\\/07\\\/Seu-SEM-Garcia-Faura-1.jpg&quot;},{&quot;src&quot;:&quot;https:\\\/\\\/www.garciafaura.com\\\/wp-content\\\/uploads\\\/2023\\\/07\\\/Seu-SEM-Garcia-Faura-58.jpg&quot;},{&quot;src&quot;:&quot;https:\\\/\\\/www.garciafaura.com\\\/wp-content\\\/uploads\\\/2023\\\/07\\\/Seu-SEM-Garcia-Faura-57.jpg&quot;},{&quot;src&quot;:&quot;https:\\\/\\\/www.garciafaura.com\\\/wp-content\\\/uploads\\\/2023\\\/07\\\/Seu-SEM-Garcia-Faura-56.jpg&quot;},{&quot;src&quot;:&quot;https:\\\/\\\/www.garciafaura.com\\\/wp-content\\\/uploads\\\/2023\\\/07\\\/Seu-SEM-Garcia-Faura-55.jpg&quot;},{&quot;src&quot;:&quot;https:\\\/\\\/www.garciafaura.com\\\/wp-content\\\/uploads\\\/2023\\\/07\\\/Seu-SEM-Garcia-Faura-54.jpg&quot;},{&quot;src&quot;:&quot;https:\\\/\\\/www.garciafaura.com\\\/wp-content\\\/uploads\\\/2023\\\/07\\\/Seu-SEM-Garcia-Faura-53.jpg&quot;},{&quot;src&quot;:&quot;https:\\\/\\\/www.garciafaura.com\\\/wp-content\\\/uploads\\\/2023\\\/07\\\/Seu-SEM-Garcia-Faura-52.jpg&quot;},{&quot;src&quot;:&quot;https:\\\/\\\/www.garciafaura.com\\\/wp-content\\\/uploads\\\/2023\\\/07\\\/Seu-SEM-Garcia-Faura-51.jpg&quot;},{&quot;src&quot;:&quot;https:\\\/\\\/www.garciafaura.com\\\/wp-content\\\/uploads\\\/2023\\\/07\\\/Seu-SEM-Garcia-Faura-50.jpg&quot;},{&quot;src&quot;:&quot;https:\\\/\\\/www.garciafaura.com\\\/wp-content\\\/uploads\\\/2023\\\/07\\\/Seu-SEM-Garcia-Faura-49.jpg&quot;},{&quot;src&quot;:&quot;https:\\\/\\\/www.garciafaura.com\\\/wp-content\\\/uploads\\\/2023\\\/07\\\/Seu-SEM-Garcia-Faura-48.jpg&quot;},{&quot;src&quot;:&quot;https:\\\/\\\/www.garciafaura.com\\\/wp-content\\\/uploads\\\/2023\\\/07\\\/Seu-SEM-Garcia-Faura-47.jpg&quot;},{&quot;src&quot;:&quot;https:\\\/\\\/www.garciafaura.com\\\/wp-content\\\/uploads\\\/2023\\\/07\\\/Seu-SEM-Garcia-Faura-46.jpg&quot;},{&quot;src&quot;:&quot;https:\\\/\\\/www.garciafaura.com\\\/wp-content\\\/uploads\\\/2023\\\/07\\\/Seu-SEM-Garcia-Faura-45.jpg&quot;},{&quot;src&quot;:&quot;https:\\\/\\\/www.garciafaura.com\\\/wp-content\\\/uploads\\\/2023\\\/07\\\/Seu-SEM-Garcia-Faura-44.jpg&quot;},{&quot;src&quot;:&quot;https:\\\/\\\/www.garciafaura.com\\\/wp-content\\\/uploads\\\/2023\\\/07\\\/Seu-SEM-Garcia-Faura-43.jpg&quot;},{&quot;src&quot;:&quot;https:\\\/\\\/www.garciafaura.com\\\/wp-content\\\/uploads\\\/2023\\\/07\\\/Seu-SEM-Garcia-Faura-42.jpg&quot;},{&quot;src&quot;:&quot;https:\\\/\\\/www.garciafaura.com\\\/wp-content\\\/uploads\\\/2023\\\/07\\\/Seu-SEM-Garcia-Faura-41.jpg&quot;},{&quot;src&quot;:&quot;https:\\\/\\\/www.garciafaura.com\\\/wp-content\\\/uploads\\\/2023\\\/07\\\/Seu-SEM-Garcia-Faura-40.jpg&quot;},{&quot;src&quot;:&quot;https:\\\/\\\/www.garciafaura.com\\\/wp-content\\\/uploads\\\/2023\\\/07\\\/Seu-SEM-Garcia-Faura-39.jpg&quot;},{&quot;src&quot;:&quot;https:\\\/\\\/www.garciafaura.com\\\/wp-content\\\/uploads\\\/2023\\\/07\\\/Seu-SEM-Garcia-Faura-38.jpg&quot;},{&quot;src&quot;:&quot;https:\\\/\\\/www.garciafaura.com\\\/wp-content\\\/uploads\\\/2023\\\/07\\\/Seu-SEM-Garcia-Faura-37.jpg&quot;},{&quot;src&quot;:&quot;https:\\\/\\\/www.garciafaura.com\\\/wp-content\\\/uploads\\\/2023\\\/07\\\/Seu-SEM-Garcia-Faura-36.jpg&quot;},{&quot;src&quot;:&quot;https:\\\/\\\/www.garciafaura.com\\\/wp-content\\\/uploads\\\/2023\\\/07\\\/Seu-SEM-Garcia-Faura-35.jpg&quot;},{&quot;src&quot;:&quot;https:\\\/\\\/www.garciafaura.com\\\/wp-content\\\/uploads\\\/2023\\\/07\\\/Seu-SEM-Garcia-Faura-34.jpg&quot;},{&quot;src&quot;:&quot;https:\\\/\\\/www.garciafaura.com\\\/wp-content\\\/uploads\\\/2023\\\/07\\\/Seu-SEM-Garcia-Faura-33.jpg&quot;},{&quot;src&quot;:&quot;https:\\\/\\\/www.garciafaura.com\\\/wp-content\\\/uploads\\\/2023\\\/07\\\/Seu-SEM-Garcia-Faura-32.jpg&quot;},{&quot;src&quot;:&quot;https:\\\/\\\/www.garciafaura.com\\\/wp-content\\\/uploads\\\/2023\\\/07\\\/Seu-SEM-Garcia-Faura-31.jpg&quot;},{&quot;src&quot;:&quot;https:\\\/\\\/www.garciafaura.com\\\/wp-content\\\/uploads\\\/2023\\\/07\\\/Seu-SEM-Garcia-Faura-30.jpg&quot;},{&quot;src&quot;:&quot;https:\\\/\\\/www.garciafaura.com\\\/wp-content\\\/uploads\\\/2023\\\/07\\\/Seu-SEM-Garcia-Faura-29.jpg&quot;},{&quot;src&quot;:&quot;https:\\\/\\\/www.garciafaura.com\\\/wp-content\\\/uploads\\\/2023\\\/07\\\/Seu-SEM-Garcia-Faura-28.jpg&quot;},{&quot;src&quot;:&quot;https:\\\/\\\/www.garciafaura.com\\\/wp-content\\\/uploads\\\/2023\\\/07\\\/Seu-SEM-Garcia-Faura-27.jpg&quot;},{&quot;src&quot;:&quot;https:\\\/\\\/www.garciafaura.com\\\/wp-content\\\/uploads\\\/2023\\\/07\\\/Seu-SEM-Garcia-Faura-26.jpg&quot;},{&quot;src&quot;:&quot;https:\\\/\\\/www.garciafaura.com\\\/wp-content\\\/uploads\\\/2023\\\/07\\\/Seu-SEM-Garcia-Faura-25.jpg&quot;},{&quot;src&quot;:&quot;https:\\\/\\\/www.garciafaura.com\\\/wp-content\\\/uploads\\\/2023\\\/07\\\/Seu-SEM-Garcia-Faura-24.jpg&quot;},{&quot;src&quot;:&quot;https:\\\/\\\/www.garciafaura.com\\\/wp-content\\\/uploads\\\/2023\\\/07\\\/Seu-SEM-Garcia-Faura-23.jpg&quot;},{&quot;src&quot;:&quot;https:\\\/\\\/www.garciafaura.com\\\/wp-content\\\/uploads\\\/2023\\\/07\\\/Seu-SEM-Garcia-Faura-22.jpg&quot;},{&quot;src&quot;:&quot;https:\\\/\\\/www.garciafaura.com\\\/wp-content\\\/uploads\\\/2023\\\/07\\\/Seu-SEM-Garcia-Faura-21.jpg&quot;},{&quot;src&quot;:&quot;https:\\\/\\\/www.garciafaura.com\\\/wp-content\\\/uploads\\\/2023\\\/07\\\/Seu-SEM-Garcia-Faura-20.jpg&quot;},{&quot;src&quot;:&quot;https:\\\/\\\/www.garciafaura.com\\\/wp-content\\\/uploads\\\/2023\\\/07\\\/Seu-SEM-Garcia-Faura-19.jpg&quot;},{&quot;src&quot;:&quot;https:\\\/\\\/www.garciafaura.com\\\/wp-content\\\/uploads\\\/2023\\\/07\\\/Seu-SEM-Garcia-Faura-18.jpg&quot;},{&quot;src&quot;:&quot;https:\\\/\\\/www.garciafaura.com\\\/wp-content\\\/uploads\\\/2023\\\/07\\\/Seu-SEM-Garcia-Faura-17.jpg&quot;},{&quot;src&quot;:&quot;https:\\\/\\\/www.garciafaura.com\\\/wp-content\\\/uploads\\\/2023\\\/07\\\/Seu-SEM-Garcia-Faura-16.jpg&quot;},{&quot;src&quot;:&quot;https:\\\/\\\/www.garciafaura.com\\\/wp-content\\\/uploads\\\/2023\\\/07\\\/Seu-SEM-Garcia-Faura-15.jpg&quot;},{&quot;src&quot;:&quot;https:\\\/\\\/www.garciafaura.com\\\/wp-content\\\/uploads\\\/2023\\\/07\\\/Seu-SEM-Garcia-Faura-14.jpg&quot;},{&quot;src&quot;:&quot;https:\\\/\\\/www.garciafaura.com\\\/wp-content\\\/uploads\\\/2023\\\/07\\\/Seu-SEM-Garcia-Faura-13.jpg&quot;},{&quot;src&quot;:&quot;https:\\\/\\\/www.garciafaura.com\\\/wp-content\\\/uploads\\\/2023\\\/07\\\/Seu-SEM-Garcia-Faura-12.jpg&quot;},{&quot;src&quot;:&quot;https:\\\/\\\/www.garciafaura.com\\\/wp-content\\\/uploads\\\/2023\\\/07\\\/Seu-SEM-Garcia-Faura-11.jpg&quot;},{&quot;src&quot;:&quot;https:\\\/\\\/www.garciafaura.com\\\/wp-content\\\/uploads\\\/2023\\\/07\\\/Seu-SEM-Garcia-Faura-10.jpg&quot;},{&quot;src&quot;:&quot;https:\\\/\\\/www.garciafaura.com\\\/wp-content\\\/uploads\\\/2023\\\/07\\\/Seu-SEM-Garcia-Faura-9.jpg&quot;},{&quot;src&quot;:&quot;https:\\\/\\\/www.garciafaura.com\\\/wp-content\\\/uploads\\\/2023\\\/07\\\/Seu-SEM-Garcia-Faura-8.jpg&quot;},{&quot;src&quot;:&quot;https:\\\/\\\/www.garciafaura.com\\\/wp-content\\\/uploads\\\/2023\\\/07\\\/Seu-SEM-Garcia-Faura-7.jpg&quot;},{&quot;src&quot;:&quot;https:\\\/\\\/www.garciafaura.com\\\/wp-content\\\/uploads\\\/2023\\\/07\\\/Seu-SEM-Garcia-Faura-6.jpg&quot;},{&quot;src&quot;:&quot;https:\\\/\\\/www.garciafaura.com\\\/wp-content\\\/uploads\\\/2023\\\/07\\\/Seu-SEM-Garcia-Faura-5.jpg&quot;},{&quot;src&quot;:&quot;https:\\\/\\\/www.garciafaura.com\\\/wp-content\\\/uploads\\\/2023\\\/07\\\/Seu-SEM-Garcia-Faura-4.jpg&quot;},{&quot;src&quot;:&quot;https:\\\/\\\/www.garciafaura.com\\\/wp-content\\\/uploads\\\/2023\\\/07\\\/Seu-SEM-Garcia-Faura-3.jpg&quot;},{&quot;src&quot;:&quot;https:\\\/\\\/www.garciafaura.com\\\/wp-content\\\/uploads\\\/2023\\\/07\\\/Seu-SEM-Garcia-Faura-2.jpg&quot;},{&quot;src&quot;:&quot;https:\\\/\\\/www.garciafaura.com\\\/wp-content\\\/uploads\\\/2023\\\/07\\\/Seu-SEM-Garcia-Faura-58.jpg&quot;},{&quot;src&quot;:&quot;https:\\\/\\\/www.garciafaura.com\\\/wp-content\\\/uploads\\\/2023\\\/07\\\/Seu-SEM-Garcia-Faura-57.jpg&quot;},{&quot;src&quot;:&quot;https:\\\/\\\/www.garciafaura.com\\\/wp-content\\\/uploads\\\/2023\\\/07\\\/Seu-SEM-Garcia-Faura-56.jpg&quot;},{&quot;src&quot;:&quot;https:\\\/\\\/www.garciafaura.com\\\/wp-content\\\/uploads\\\/2023\\\/07\\\/Seu-SEM-Garcia-Faura-55.jpg&quot;},{&quot;src&quot;:&quot;https:\\\/\\\/www.garciafaura.com\\\/wp-content\\\/uploads\\\/2023\\\/07\\\/Seu-SEM-Garcia-Faura-54.jpg&quot;},{&quot;src&quot;:&quot;https:\\\/\\\/www.garciafaura.com\\\/wp-content\\\/uploads\\\/2023\\\/07\\\/Seu-SEM-Garcia-Faura-53.jpg&quot;},{&quot;src&quot;:&quot;https:\\\/\\\/www.garciafaura.com\\\/wp-content\\\/uploads\\\/2023\\\/07\\\/Seu-SEM-Garcia-Faura-52.jpg&quot;},{&quot;src&quot;:&quot;https:\\\/\\\/www.garciafaura.com\\\/wp-content\\\/uploads\\\/2023\\\/07\\\/Seu-SEM-Garcia-Faura-51.jpg&quot;},{&quot;src&quot;:&quot;https:\\\/\\\/www.garciafaura.com\\\/wp-content\\\/uploads\\\/2023\\\/07\\\/Seu-SEM-Garcia-Faura-50.jpg&quot;},{&quot;src&quot;:&quot;https:\\\/\\\/www.garciafaura.com\\\/wp-content\\\/uploads\\\/2023\\\/07\\\/Seu-SEM-Garcia-Faura-49.jpg&quot;},{&quot;src&quot;:&quot;https:\\\/\\\/www.garciafaura.com\\\/wp-content\\\/uploads\\\/2023\\\/07\\\/Seu-SEM-Garcia-Faura-48.jpg&quot;},{&quot;src&quot;:&quot;https:\\\/\\\/www.garciafaura.com\\\/wp-content\\\/uploads\\\/2023\\\/07\\\/Seu-SEM-Garcia-Faura-47.jpg&quot;},{&quot;src&quot;:&quot;https:\\\/\\\/www.garciafaura.com\\\/wp-content\\\/uploads\\\/2023\\\/07\\\/Seu-SEM-Garcia-Faura-46.jpg&quot;},{&quot;src&quot;:&quot;https:\\\/\\\/www.garciafaura.com\\\/wp-content\\\/uploads\\\/2023\\\/07\\\/Seu-SEM-Garcia-Faura-45.jpg&quot;},{&quot;src&quot;:&quot;https:\\\/\\\/www.garciafaura.com\\\/wp-content\\\/uploads\\\/2023\\\/07\\\/Seu-SEM-Garcia-Faura-44.jpg&quot;},{&quot;src&quot;:&quot;https:\\\/\\\/www.garciafaura.com\\\/wp-content\\\/uploads\\\/2023\\\/07\\\/Seu-SEM-Garcia-Faura-43.jpg&quot;},{&quot;src&quot;:&quot;https:\\\/\\\/www.garciafaura.com\\\/wp-content\\\/uploads\\\/2023\\\/07\\\/Seu-SEM-Garcia-Faura-42.jpg&quot;},{&quot;src&quot;:&quot;https:\\\/\\\/www.garciafaura.com\\\/wp-content\\\/uploads\\\/2023\\\/07\\\/Seu-SEM-Garcia-Faura-41.jpg&quot;},{&quot;src&quot;:&quot;https:\\\/\\\/www.garciafaura.com\\\/wp-content\\\/uploads\\\/2023\\\/07\\\/Seu-SEM-Garcia-Faura-40.jpg&quot;},{&quot;src&quot;:&quot;https:\\\/\\\/www.garciafaura.com\\\/wp-content\\\/uploads\\\/2023\\\/07\\\/Seu-SEM-Garcia-Faura-39.jpg&quot;},{&quot;src&quot;:&quot;https:\\\/\\\/www.garciafaura.com\\\/wp-content\\\/uploads\\\/2023\\\/07\\\/Seu-SEM-Garcia-Faura-38.jpg&quot;},{&quot;src&quot;:&quot;https:\\\/\\\/www.garciafaura.com\\\/wp-content\\\/uploads\\\/2023\\\/07\\\/Seu-SEM-Garcia-Faura-37.jpg&quot;},{&quot;src&quot;:&quot;https:\\\/\\\/www.garciafaura.com\\\/wp-content\\\/uploads\\\/2023\\\/07\\\/Seu-SEM-Garcia-Faura-36.jpg&quot;},{&quot;src&quot;:&quot;https:\\\/\\\/www.garciafaura.com\\\/wp-content\\\/uploads\\\/2023\\\/07\\\/Seu-SEM-Garcia-Faura-35.jpg&quot;},{&quot;src&quot;:&quot;https:\\\/\\\/www.garciafaura.com\\\/wp-content\\\/uploads\\\/2023\\\/07\\\/Seu-SEM-Garcia-Faura-34.jpg&quot;},{&quot;src&quot;:&quot;https:\\\/\\\/www.garciafaura.com\\\/wp-content\\\/uploads\\\/2023\\\/07\\\/Seu-SEM-Garcia-Faura-33.jpg&quot;},{&quot;src&quot;:&quot;https:\\\/\\\/www.garciafaura.com\\\/wp-content\\\/uploads\\\/2023\\\/07\\\/Seu-SEM-Garcia-Faura-32.jpg&quot;},{&quot;src&quot;:&quot;https:\\\/\\\/www.garciafaura.com\\\/wp-content\\\/uploads\\\/2023\\\/07\\\/Seu-SEM-Garcia-Faura-31.jpg&quot;},{&quot;src&quot;:&quot;https:\\\/\\\/www.garciafaura.com\\\/wp-content\\\/uploads\\\/2023\\\/07\\\/Seu-SEM-Garcia-Faura-30.jpg&quot;},{&quot;src&quot;:&quot;https:\\\/\\\/www.garciafaura.com\\\/wp-content\\\/uploads\\\/2023\\\/07\\\/Seu-SEM-Garcia-Faura-29.jpg&quot;},{&quot;src&quot;:&quot;https:\\\/\\\/www.garciafaura.com\\\/wp-content\\\/uploads\\\/2023\\\/07\\\/Seu-SEM-Garcia-Faura-28.jpg&quot;},{&quot;src&quot;:&quot;https:\\\/\\\/www.garciafaura.com\\\/wp-content\\\/uploads\\\/2023\\\/07\\\/Seu-SEM-Garcia-Faura-27.jpg&quot;},{&quot;src&quot;:&quot;https:\\\/\\\/www.garciafaura.com\\\/wp-content\\\/uploads\\\/2023\\\/07\\\/Seu-SEM-Garcia-Faura-26.jpg&quot;},{&quot;src&quot;:&quot;https:\\\/\\\/www.garciafaura.com\\\/wp-content\\\/uploads\\\/2023\\\/07\\\/Seu-SEM-Garcia-Faura-25.jpg&quot;},{&quot;src&quot;:&quot;https:\\\/\\\/www.garciafaura.com\\\/wp-content\\\/uploads\\\/2023\\\/07\\\/Seu-SEM-Garcia-Faura-24.jpg&quot;},{&quot;src&quot;:&quot;https:\\\/\\\/www.garciafaura.com\\\/wp-content\\\/uploads\\\/2023\\\/07\\\/Seu-SEM-Garcia-Faura-23.jpg&quot;},{&quot;src&quot;:&quot;https:\\\/\\\/www.garciafaura.com\\\/wp-content\\\/uploads\\\/2023\\\/07\\\/Seu-SEM-Garcia-Faura-22.jpg&quot;},{&quot;src&quot;:&quot;https:\\\/\\\/www.garciafaura.com\\\/wp-content\\\/uploads\\\/2023\\\/07\\\/Seu-SEM-Garcia-Faura-21.jpg&quot;},{&quot;src&quot;:&quot;https:\\\/\\\/www.garciafaura.com\\\/wp-content\\\/uploads\\\/2023\\\/07\\\/Seu-SEM-Garcia-Faura-20.jpg&quot;},{&quot;src&quot;:&quot;https:\\\/\\\/www.garciafaura.com\\\/wp-content\\\/uploads\\\/2023\\\/07\\\/Seu-SEM-Garcia-Faura-19.jpg&quot;},{&quot;src&quot;:&quot;https:\\\/\\\/www.garciafaura.com\\\/wp-content\\\/uploads\\\/2023\\\/07\\\/Seu-SEM-Garcia-Faura-18.jpg&quot;},{&quot;src&quot;:&quot;https:\\\/\\\/www.garciafaura.com\\\/wp-content\\\/uploads\\\/2023\\\/07\\\/Seu-SEM-Garcia-Faura-17.jpg&quot;},{&quot;src&quot;:&quot;https:\\\/\\\/www.garciafaura.com\\\/wp-content\\\/uploads\\\/2023\\\/07\\\/Seu-SEM-Garcia-Faura-16.jpg&quot;},{&quot;src&quot;:&quot;https:\\\/\\\/www.garciafaura.com\\\/wp-content\\\/uploads\\\/2023\\\/07\\\/Seu-SEM-Garcia-Faura-15.jpg&quot;},{&quot;src&quot;:&quot;https:\\\/\\\/www.garciafaura.com\\\/wp-content\\\/uploads\\\/2023\\\/07\\\/Seu-SEM-Garcia-Faura-14.jpg&quot;},{&quot;src&quot;:&quot;https:\\\/\\\/www.garciafaura.com\\\/wp-content\\\/uploads\\\/2023\\\/07\\\/Seu-SEM-Garcia-Faura-13.jpg&quot;},{&quot;src&quot;:&quot;https:\\\/\\\/www.garciafaura.com\\\/wp-content\\\/uploads\\\/2023\\\/07\\\/Seu-SEM-Garcia-Faura-12.jpg&quot;},{&quot;src&quot;:&quot;https:\\\/\\\/www.garciafaura.com\\\/wp-content\\\/uploads\\\/2023\\\/07\\\/Seu-SEM-Garcia-Faura-11.jpg&quot;},{&quot;src&quot;:&quot;https:\\\/\\\/www.garciafaura.com\\\/wp-content\\\/uploads\\\/2023\\\/07\\\/Seu-SEM-Garcia-Faura-10.jpg&quot;},{&quot;src&quot;:&quot;https:\\\/\\\/www.garciafaura.com\\\/wp-content\\\/uploads\\\/2023\\\/07\\\/Seu-SEM-Garcia-Faura-9.jpg&quot;},{&quot;src&quot;:&quot;https:\\\/\\\/www.garciafaura.com\\\/wp-content\\\/uploads\\\/2023\\\/07\\\/Seu-SEM-Garcia-Faura-8.jpg&quot;},{&quot;src&quot;:&quot;https:\\\/\\\/www.garciafaura.com\\\/wp-content\\\/uploads\\\/2023\\\/07\\\/Seu-SEM-Garcia-Faura-7.jpg&quot;},{&quot;src&quot;:&quot;https:\\\/\\\/www.garciafaura.com\\\/wp-content\\\/uploads\\\/2023\\\/07\\\/Seu-SEM-Garcia-Faura-6.jpg&quot;},{&quot;src&quot;:&quot;https:\\\/\\\/www.garciafaura.com\\\/wp-content\\\/uploads\\\/2023\\\/07\\\/Seu-SEM-Garcia-Faura-5.jpg&quot;},{&quot;src&quot;:&quot;https:\\\/\\\/www.garciafaura.com\\\/wp-content\\\/uploads\\\/2023\\\/07\\\/Seu-SEM-Garcia-Faura-4.jpg&quot;},{&quot;src&quot;:&quot;https:\\\/\\\/www.garciafaura.com\\\/wp-content\\\/uploads\\\/2023\\\/07\\\/Seu-SEM-Garcia-Faura-3.jpg&quot;},{&quot;src&quot;:&quot;https:\\\/\\\/www.garciafaura.com\\\/wp-content\\\/uploads\\\/2023\\\/07\\\/Seu-SEM-Garcia-Faura-2.jpg&quot;},{&quot;src&quot;:&quot;https:\\\/\\\/www.garciafaura.com\\\/wp-content\\\/uploads\\\/2023\\\/07\\\/Seu-SEM-Garcia-Faura-1.jpg&quot;}]\"><img loading=\"lazy\" decoding=\"async\" data-no-lazy=\"1\" class=\"portfolio-entry-img skip-lazy\" src=\"https:\/\/www.garciafaura.com\/wp-content\/uploads\/2023\/07\/Seu-SEM-Garcia-Faura-23-600x314.jpg\" alt='' data-no-retina width=\"600\" height=\"314\" \/><\/a><\/div><div class=\"portfolio-entry-details entry-details wpex-clr\"><h2 class=\"portfolio-entry-title entry-title\"><a href=\"https:\/\/www.garciafaura.com\/es\/portfolio-item\/nova-seu-del-servei-demergencies-mediques\/\" title=\"Nueva sede del SEM\">Nueva sede del SEM<\/a><\/h2><div class=\"portfolio-entry-categories entry-categories wpex-clr\"><a href=\"https:\/\/www.garciafaura.com\/es\/portfolio-category\/fachadas\/\" class=\"term-51\">Fachadas<\/a><\/div><\/div><\/div><\/div><div class=\"portfolio-entry vcex-grid-item entry-has-details span_1_of_3 col col-3 vcex-isotope-entry vcex-no-margin-entry post-32154 entry type-portfolio has-media cat-49 cat-51 cat-52 cat-58 cat-59 translation_priority-6\"><div class=\"portfolio-entry-inner entry-inner wpex-clr\"><div class=\"portfolio-entry-media entry-media wpex-clr\"><a href=\"https:\/\/www.garciafaura.com\/wp-content\/uploads\/2023\/06\/Garcia-Faura-Edifici-Novartis-1.jpg\" title=\"Rehabilitaci\u00f3n edificio Novartis Gran Via\" class=\"portfolio-entry-media-link wpex-lightbox-gallery\" data-gallery=\"[{&quot;src&quot;:&quot;https:\\\/\\\/www.garciafaura.com\\\/wp-content\\\/uploads\\\/2023\\\/06\\\/Garcia-Faura-Edifici-Novartis-1.jpg&quot;,&quot;title&quot;:&quot;Garcia Faura Edifici Novartis&quot;},{&quot;src&quot;:&quot;https:\\\/\\\/www.garciafaura.com\\\/wp-content\\\/uploads\\\/2023\\\/06\\\/Garcia-Faura-Edifici-Novartis-42.jpg&quot;,&quot;title&quot;:&quot;Garcia Faura Edifici Novartis&quot;},{&quot;src&quot;:&quot;https:\\\/\\\/www.garciafaura.com\\\/wp-content\\\/uploads\\\/2023\\\/06\\\/Garcia-Faura-Edifici-Novartis-41.jpg&quot;,&quot;title&quot;:&quot;Garcia Faura Edifici Novartis&quot;},{&quot;src&quot;:&quot;https:\\\/\\\/www.garciafaura.com\\\/wp-content\\\/uploads\\\/2023\\\/06\\\/Garcia-Faura-Edifici-Novartis-40.jpg&quot;,&quot;title&quot;:&quot;Garcia Faura Edifici Novartis&quot;},{&quot;src&quot;:&quot;https:\\\/\\\/www.garciafaura.com\\\/wp-content\\\/uploads\\\/2023\\\/06\\\/Garcia-Faura-Edifici-Novartis-39.jpg&quot;,&quot;title&quot;:&quot;Garcia Faura Edifici Novartis&quot;},{&quot;src&quot;:&quot;https:\\\/\\\/www.garciafaura.com\\\/wp-content\\\/uploads\\\/2023\\\/06\\\/Garcia-Faura-Edifici-Novartis-38.jpg&quot;,&quot;title&quot;:&quot;Garcia Faura Edifici Novartis&quot;},{&quot;src&quot;:&quot;https:\\\/\\\/www.garciafaura.com\\\/wp-content\\\/uploads\\\/2023\\\/06\\\/Garcia-Faura-Edifici-Novartis-37.jpg&quot;,&quot;title&quot;:&quot;Garcia Faura Edifici Novartis&quot;},{&quot;src&quot;:&quot;https:\\\/\\\/www.garciafaura.com\\\/wp-content\\\/uploads\\\/2023\\\/06\\\/Garcia-Faura-Edifici-Novartis-36.jpg&quot;,&quot;title&quot;:&quot;Garcia Faura Edifici Novartis&quot;},{&quot;src&quot;:&quot;https:\\\/\\\/www.garciafaura.com\\\/wp-content\\\/uploads\\\/2023\\\/06\\\/Garcia-Faura-Edifici-Novartis-35.jpg&quot;,&quot;title&quot;:&quot;Garcia Faura Edifici Novartis&quot;},{&quot;src&quot;:&quot;https:\\\/\\\/www.garciafaura.com\\\/wp-content\\\/uploads\\\/2023\\\/06\\\/Garcia-Faura-Edifici-Novartis-34.jpg&quot;,&quot;title&quot;:&quot;Garcia Faura Edifici Novartis&quot;},{&quot;src&quot;:&quot;https:\\\/\\\/www.garciafaura.com\\\/wp-content\\\/uploads\\\/2023\\\/06\\\/Garcia-Faura-Edifici-Novartis-33.jpg&quot;,&quot;title&quot;:&quot;Garcia Faura Edifici Novartis&quot;},{&quot;src&quot;:&quot;https:\\\/\\\/www.garciafaura.com\\\/wp-content\\\/uploads\\\/2023\\\/06\\\/Garcia-Faura-Edifici-Novartis-32.jpg&quot;,&quot;title&quot;:&quot;Garcia Faura Edifici Novartis&quot;},{&quot;src&quot;:&quot;https:\\\/\\\/www.garciafaura.com\\\/wp-content\\\/uploads\\\/2023\\\/06\\\/Garcia-Faura-Edifici-Novartis-31.jpg&quot;,&quot;title&quot;:&quot;Garcia Faura Edifici Novartis&quot;},{&quot;src&quot;:&quot;https:\\\/\\\/www.garciafaura.com\\\/wp-content\\\/uploads\\\/2023\\\/06\\\/Garcia-Faura-Edifici-Novartis-30.jpg&quot;,&quot;title&quot;:&quot;Garcia Faura Edifici Novartis&quot;},{&quot;src&quot;:&quot;https:\\\/\\\/www.garciafaura.com\\\/wp-content\\\/uploads\\\/2023\\\/06\\\/Garcia-Faura-Edifici-Novartis-29.jpg&quot;,&quot;title&quot;:&quot;Garcia Faura Edifici Novartis&quot;},{&quot;src&quot;:&quot;https:\\\/\\\/www.garciafaura.com\\\/wp-content\\\/uploads\\\/2023\\\/06\\\/Garcia-Faura-Edifici-Novartis-28.jpg&quot;,&quot;title&quot;:&quot;Garcia Faura Edifici Novartis&quot;},{&quot;src&quot;:&quot;https:\\\/\\\/www.garciafaura.com\\\/wp-content\\\/uploads\\\/2023\\\/06\\\/Garcia-Faura-Edifici-Novartis-27.jpg&quot;,&quot;title&quot;:&quot;Garcia Faura Edifici Novartis&quot;},{&quot;src&quot;:&quot;https:\\\/\\\/www.garciafaura.com\\\/wp-content\\\/uploads\\\/2023\\\/06\\\/Garcia-Faura-Edifici-Novartis-26.jpg&quot;,&quot;title&quot;:&quot;Garcia Faura Edifici Novartis&quot;},{&quot;src&quot;:&quot;https:\\\/\\\/www.garciafaura.com\\\/wp-content\\\/uploads\\\/2023\\\/06\\\/Garcia-Faura-Edifici-Novartis-25.jpg&quot;,&quot;title&quot;:&quot;Garcia Faura Edifici Novartis&quot;},{&quot;src&quot;:&quot;https:\\\/\\\/www.garciafaura.com\\\/wp-content\\\/uploads\\\/2023\\\/06\\\/Garcia-Faura-Edifici-Novartis-24.jpg&quot;,&quot;title&quot;:&quot;Garcia Faura Edifici Novartis&quot;},{&quot;src&quot;:&quot;https:\\\/\\\/www.garciafaura.com\\\/wp-content\\\/uploads\\\/2023\\\/06\\\/Garcia-Faura-Edifici-Novartis-23.jpg&quot;,&quot;title&quot;:&quot;Garcia Faura Edifici Novartis&quot;},{&quot;src&quot;:&quot;https:\\\/\\\/www.garciafaura.com\\\/wp-content\\\/uploads\\\/2023\\\/06\\\/Garcia-Faura-Edifici-Novartis-22.jpg&quot;,&quot;title&quot;:&quot;Garcia Faura Edifici Novartis&quot;},{&quot;src&quot;:&quot;https:\\\/\\\/www.garciafaura.com\\\/wp-content\\\/uploads\\\/2023\\\/06\\\/Garcia-Faura-Edifici-Novartis-21.jpg&quot;,&quot;title&quot;:&quot;Garcia Faura Edifici Novartis&quot;},{&quot;src&quot;:&quot;https:\\\/\\\/www.garciafaura.com\\\/wp-content\\\/uploads\\\/2023\\\/06\\\/Garcia-Faura-Edifici-Novartis-20.jpg&quot;,&quot;title&quot;:&quot;Garcia Faura Edifici Novartis&quot;},{&quot;src&quot;:&quot;https:\\\/\\\/www.garciafaura.com\\\/wp-content\\\/uploads\\\/2023\\\/06\\\/Garcia-Faura-Edifici-Novartis-19.jpg&quot;,&quot;title&quot;:&quot;Garcia Faura Edifici Novartis&quot;},{&quot;src&quot;:&quot;https:\\\/\\\/www.garciafaura.com\\\/wp-content\\\/uploads\\\/2023\\\/06\\\/Garcia-Faura-Edifici-Novartis-18.jpg&quot;,&quot;title&quot;:&quot;Garcia Faura Edifici Novartis&quot;},{&quot;src&quot;:&quot;https:\\\/\\\/www.garciafaura.com\\\/wp-content\\\/uploads\\\/2023\\\/06\\\/Garcia-Faura-Edifici-Novartis-17.jpg&quot;,&quot;title&quot;:&quot;Garcia Faura Edifici Novartis&quot;},{&quot;src&quot;:&quot;https:\\\/\\\/www.garciafaura.com\\\/wp-content\\\/uploads\\\/2023\\\/06\\\/Garcia-Faura-Edifici-Novartis-16.jpg&quot;,&quot;title&quot;:&quot;Garcia Faura Edifici Novartis&quot;},{&quot;src&quot;:&quot;https:\\\/\\\/www.garciafaura.com\\\/wp-content\\\/uploads\\\/2023\\\/06\\\/Garcia-Faura-Edifici-Novartis-15.jpg&quot;,&quot;title&quot;:&quot;Garcia Faura Edifici Novartis&quot;},{&quot;src&quot;:&quot;https:\\\/\\\/www.garciafaura.com\\\/wp-content\\\/uploads\\\/2023\\\/06\\\/Garcia-Faura-Edifici-Novartis-14.jpg&quot;,&quot;title&quot;:&quot;Garcia Faura Edifici Novartis&quot;},{&quot;src&quot;:&quot;https:\\\/\\\/www.garciafaura.com\\\/wp-content\\\/uploads\\\/2023\\\/06\\\/Garcia-Faura-Edifici-Novartis-13.jpg&quot;,&quot;title&quot;:&quot;Garcia Faura Edifici Novartis&quot;},{&quot;src&quot;:&quot;https:\\\/\\\/www.garciafaura.com\\\/wp-content\\\/uploads\\\/2023\\\/06\\\/Garcia-Faura-Edifici-Novartis-12.jpg&quot;,&quot;title&quot;:&quot;Garcia Faura Edifici Novartis&quot;},{&quot;src&quot;:&quot;https:\\\/\\\/www.garciafaura.com\\\/wp-content\\\/uploads\\\/2023\\\/06\\\/Garcia-Faura-Edifici-Novartis-11.jpg&quot;,&quot;title&quot;:&quot;Garcia Faura Edifici Novartis&quot;},{&quot;src&quot;:&quot;https:\\\/\\\/www.garciafaura.com\\\/wp-content\\\/uploads\\\/2023\\\/06\\\/Garcia-Faura-Edifici-Novartis-10.jpg&quot;,&quot;title&quot;:&quot;Garcia Faura Edifici Novartis&quot;},{&quot;src&quot;:&quot;https:\\\/\\\/www.garciafaura.com\\\/wp-content\\\/uploads\\\/2023\\\/06\\\/Garcia-Faura-Edifici-Novartis-9.jpg&quot;,&quot;title&quot;:&quot;Garcia Faura Edifici Novartis&quot;},{&quot;src&quot;:&quot;https:\\\/\\\/www.garciafaura.com\\\/wp-content\\\/uploads\\\/2023\\\/06\\\/Garcia-Faura-Edifici-Novartis-8.jpg&quot;,&quot;title&quot;:&quot;Garcia Faura Edifici Novartis&quot;},{&quot;src&quot;:&quot;https:\\\/\\\/www.garciafaura.com\\\/wp-content\\\/uploads\\\/2023\\\/06\\\/Garcia-Faura-Edifici-Novartis-7.jpg&quot;,&quot;title&quot;:&quot;Garcia Faura Edifici Novartis&quot;},{&quot;src&quot;:&quot;https:\\\/\\\/www.garciafaura.com\\\/wp-content\\\/uploads\\\/2023\\\/06\\\/Garcia-Faura-Edifici-Novartis-6.jpg&quot;,&quot;title&quot;:&quot;Garcia Faura Edifici Novartis&quot;},{&quot;src&quot;:&quot;https:\\\/\\\/www.garciafaura.com\\\/wp-content\\\/uploads\\\/2023\\\/06\\\/Garcia-Faura-Edifici-Novartis-5.jpg&quot;,&quot;title&quot;:&quot;Garcia Faura Edifici Novartis&quot;},{&quot;src&quot;:&quot;https:\\\/\\\/www.garciafaura.com\\\/wp-content\\\/uploads\\\/2023\\\/06\\\/Garcia-Faura-Edifici-Novartis-4.jpg&quot;,&quot;title&quot;:&quot;Garcia Faura Edifici Novartis&quot;},{&quot;src&quot;:&quot;https:\\\/\\\/www.garciafaura.com\\\/wp-content\\\/uploads\\\/2023\\\/06\\\/Garcia-Faura-Edifici-Novartis-3.jpg&quot;,&quot;title&quot;:&quot;Garcia Faura Edifici Novartis&quot;},{&quot;src&quot;:&quot;https:\\\/\\\/www.garciafaura.com\\\/wp-content\\\/uploads\\\/2023\\\/06\\\/Garcia-Faura-Edifici-Novartis-2.jpg&quot;,&quot;title&quot;:&quot;Garcia Faura Edifici Novartis&quot;}]\"><img loading=\"lazy\" decoding=\"async\" data-no-lazy=\"1\" class=\"portfolio-entry-img skip-lazy\" src=\"https:\/\/www.garciafaura.com\/wp-content\/uploads\/2023\/06\/Garcia-Faura-Edifici-Novartis-1-600x314.jpg\" alt=\"Garcia Faura Edifici Novartis\" data-no-retina width=\"600\" height=\"314\" \/><\/a><\/div><div class=\"portfolio-entry-details entry-details wpex-clr\"><h2 class=\"portfolio-entry-title entry-title\"><a href=\"https:\/\/www.garciafaura.com\/es\/portfolio-item\/rehabilitacio-edifici-novartis-gran-via\/\" title=\"Rehabilitaci\u00f3n edificio Novartis Gran Via\">Rehabilitaci\u00f3n edificio Novartis Gran Via<\/a><\/h2><div class=\"portfolio-entry-categories entry-categories wpex-clr\"><a href=\"https:\/\/www.garciafaura.com\/es\/portfolio-category\/fachadas-destacado\/\" class=\"term-52\">Fachadas Destacado<\/a><\/div><\/div><\/div><\/div><div class=\"portfolio-entry vcex-grid-item entry-has-details span_1_of_3 col col-1 vcex-isotope-entry vcex-no-margin-entry post-32135 entry type-portfolio has-media cat-49 cat-58 translation_priority-6\"><div class=\"portfolio-entry-inner entry-inner wpex-clr\"><div class=\"portfolio-entry-media entry-media wpex-clr\"><a href=\"https:\/\/www.garciafaura.com\/wp-content\/uploads\/2023\/06\/Dic-recer-Port-Barcelona-00.jpg\" title=\"Rehabilitaci\u00f3n dique abrigo Port Ol\u00edmpic\" class=\"portfolio-entry-media-link wpex-lightbox-gallery\" data-gallery=\"[{&quot;src&quot;:&quot;https:\\\/\\\/www.garciafaura.com\\\/wp-content\\\/uploads\\\/2023\\\/06\\\/Dic-recer-Port-Barcelona-00.jpg&quot;},{&quot;src&quot;:&quot;https:\\\/\\\/www.garciafaura.com\\\/wp-content\\\/uploads\\\/2023\\\/06\\\/Dic-recer-Port-Barcelona-43.jpg&quot;},{&quot;src&quot;:&quot;https:\\\/\\\/www.garciafaura.com\\\/wp-content\\\/uploads\\\/2023\\\/06\\\/Dic-recer-Port-Barcelona-42.jpg&quot;},{&quot;src&quot;:&quot;https:\\\/\\\/www.garciafaura.com\\\/wp-content\\\/uploads\\\/2023\\\/06\\\/Dic-recer-Port-Barcelona-41.jpg&quot;},{&quot;src&quot;:&quot;https:\\\/\\\/www.garciafaura.com\\\/wp-content\\\/uploads\\\/2023\\\/06\\\/Dic-recer-Port-Barcelona-40.jpg&quot;},{&quot;src&quot;:&quot;https:\\\/\\\/www.garciafaura.com\\\/wp-content\\\/uploads\\\/2023\\\/06\\\/Dic-recer-Port-Barcelona-39.jpg&quot;},{&quot;src&quot;:&quot;https:\\\/\\\/www.garciafaura.com\\\/wp-content\\\/uploads\\\/2023\\\/06\\\/Dic-recer-Port-Barcelona-38.jpg&quot;},{&quot;src&quot;:&quot;https:\\\/\\\/www.garciafaura.com\\\/wp-content\\\/uploads\\\/2023\\\/06\\\/Dic-recer-Port-Barcelona-37.jpg&quot;},{&quot;src&quot;:&quot;https:\\\/\\\/www.garciafaura.com\\\/wp-content\\\/uploads\\\/2023\\\/06\\\/Dic-recer-Port-Barcelona-36.jpg&quot;},{&quot;src&quot;:&quot;https:\\\/\\\/www.garciafaura.com\\\/wp-content\\\/uploads\\\/2023\\\/06\\\/Dic-recer-Port-Barcelona-35.jpg&quot;},{&quot;src&quot;:&quot;https:\\\/\\\/www.garciafaura.com\\\/wp-content\\\/uploads\\\/2023\\\/06\\\/Dic-recer-Port-Barcelona-34.jpg&quot;},{&quot;src&quot;:&quot;https:\\\/\\\/www.garciafaura.com\\\/wp-content\\\/uploads\\\/2023\\\/06\\\/Dic-recer-Port-Barcelona-33.jpg&quot;},{&quot;src&quot;:&quot;https:\\\/\\\/www.garciafaura.com\\\/wp-content\\\/uploads\\\/2023\\\/06\\\/Dic-recer-Port-Barcelona-32.jpg&quot;},{&quot;src&quot;:&quot;https:\\\/\\\/www.garciafaura.com\\\/wp-content\\\/uploads\\\/2023\\\/06\\\/Dic-recer-Port-Barcelona-31.jpg&quot;},{&quot;src&quot;:&quot;https:\\\/\\\/www.garciafaura.com\\\/wp-content\\\/uploads\\\/2023\\\/06\\\/Dic-recer-Port-Barcelona-30.jpg&quot;},{&quot;src&quot;:&quot;https:\\\/\\\/www.garciafaura.com\\\/wp-content\\\/uploads\\\/2023\\\/06\\\/Dic-recer-Port-Barcelona-29.jpg&quot;},{&quot;src&quot;:&quot;https:\\\/\\\/www.garciafaura.com\\\/wp-content\\\/uploads\\\/2023\\\/06\\\/Dic-recer-Port-Barcelona-28.jpg&quot;},{&quot;src&quot;:&quot;https:\\\/\\\/www.garciafaura.com\\\/wp-content\\\/uploads\\\/2023\\\/06\\\/Dic-recer-Port-Barcelona-27.jpg&quot;},{&quot;src&quot;:&quot;https:\\\/\\\/www.garciafaura.com\\\/wp-content\\\/uploads\\\/2023\\\/06\\\/Dic-recer-Port-Barcelona-26.jpg&quot;},{&quot;src&quot;:&quot;https:\\\/\\\/www.garciafaura.com\\\/wp-content\\\/uploads\\\/2023\\\/06\\\/Dic-recer-Port-Barcelona-25.jpg&quot;},{&quot;src&quot;:&quot;https:\\\/\\\/www.garciafaura.com\\\/wp-content\\\/uploads\\\/2023\\\/06\\\/Dic-recer-Port-Barcelona-24.jpg&quot;},{&quot;src&quot;:&quot;https:\\\/\\\/www.garciafaura.com\\\/wp-content\\\/uploads\\\/2023\\\/06\\\/Dic-recer-Port-Barcelona-23.jpg&quot;},{&quot;src&quot;:&quot;https:\\\/\\\/www.garciafaura.com\\\/wp-content\\\/uploads\\\/2023\\\/06\\\/Dic-recer-Port-Barcelona-22.jpg&quot;},{&quot;src&quot;:&quot;https:\\\/\\\/www.garciafaura.com\\\/wp-content\\\/uploads\\\/2023\\\/06\\\/Dic-recer-Port-Barcelona-21.jpg&quot;},{&quot;src&quot;:&quot;https:\\\/\\\/www.garciafaura.com\\\/wp-content\\\/uploads\\\/2023\\\/06\\\/Dic-recer-Port-Barcelona-20.jpg&quot;},{&quot;src&quot;:&quot;https:\\\/\\\/www.garciafaura.com\\\/wp-content\\\/uploads\\\/2023\\\/06\\\/Dic-recer-Port-Barcelona-19.jpg&quot;},{&quot;src&quot;:&quot;https:\\\/\\\/www.garciafaura.com\\\/wp-content\\\/uploads\\\/2023\\\/06\\\/Dic-recer-Port-Barcelona-18.jpg&quot;},{&quot;src&quot;:&quot;https:\\\/\\\/www.garciafaura.com\\\/wp-content\\\/uploads\\\/2023\\\/06\\\/Dic-recer-Port-Barcelona-17.jpg&quot;},{&quot;src&quot;:&quot;https:\\\/\\\/www.garciafaura.com\\\/wp-content\\\/uploads\\\/2023\\\/06\\\/Dic-recer-Port-Barcelona-16.jpg&quot;},{&quot;src&quot;:&quot;https:\\\/\\\/www.garciafaura.com\\\/wp-content\\\/uploads\\\/2023\\\/06\\\/Dic-recer-Port-Barcelona-15.jpg&quot;},{&quot;src&quot;:&quot;https:\\\/\\\/www.garciafaura.com\\\/wp-content\\\/uploads\\\/2023\\\/06\\\/Dic-recer-Port-Barcelona-14.jpg&quot;},{&quot;src&quot;:&quot;https:\\\/\\\/www.garciafaura.com\\\/wp-content\\\/uploads\\\/2023\\\/06\\\/Dic-recer-Port-Barcelona-13.jpg&quot;},{&quot;src&quot;:&quot;https:\\\/\\\/www.garciafaura.com\\\/wp-content\\\/uploads\\\/2023\\\/06\\\/Dic-recer-Port-Barcelona-11.jpg&quot;},{&quot;src&quot;:&quot;https:\\\/\\\/www.garciafaura.com\\\/wp-content\\\/uploads\\\/2023\\\/06\\\/Dic-recer-Port-Barcelona-10.jpg&quot;},{&quot;src&quot;:&quot;https:\\\/\\\/www.garciafaura.com\\\/wp-content\\\/uploads\\\/2023\\\/06\\\/Dic-recer-Port-Barcelona-09.jpg&quot;},{&quot;src&quot;:&quot;https:\\\/\\\/www.garciafaura.com\\\/wp-content\\\/uploads\\\/2023\\\/06\\\/Dic-recer-Port-Barcelona-08.jpg&quot;},{&quot;src&quot;:&quot;https:\\\/\\\/www.garciafaura.com\\\/wp-content\\\/uploads\\\/2023\\\/06\\\/Dic-recer-Port-Barcelona-07.jpg&quot;},{&quot;src&quot;:&quot;https:\\\/\\\/www.garciafaura.com\\\/wp-content\\\/uploads\\\/2023\\\/06\\\/Dic-recer-Port-Barcelona-06.jpg&quot;},{&quot;src&quot;:&quot;https:\\\/\\\/www.garciafaura.com\\\/wp-content\\\/uploads\\\/2023\\\/06\\\/Dic-recer-Port-Barcelona-05.jpg&quot;},{&quot;src&quot;:&quot;https:\\\/\\\/www.garciafaura.com\\\/wp-content\\\/uploads\\\/2023\\\/06\\\/Dic-recer-Port-Barcelona-04.jpg&quot;},{&quot;src&quot;:&quot;https:\\\/\\\/www.garciafaura.com\\\/wp-content\\\/uploads\\\/2023\\\/06\\\/Dic-recer-Port-Barcelona-03.jpg&quot;},{&quot;src&quot;:&quot;https:\\\/\\\/www.garciafaura.com\\\/wp-content\\\/uploads\\\/2023\\\/06\\\/Dic-recer-Port-Barcelona-02.jpg&quot;},{&quot;src&quot;:&quot;https:\\\/\\\/www.garciafaura.com\\\/wp-content\\\/uploads\\\/2023\\\/06\\\/Dic-recer-Port-Barcelona-01.jpg&quot;}]\"><img loading=\"lazy\" decoding=\"async\" data-no-lazy=\"1\" class=\"portfolio-entry-img skip-lazy\" src=\"https:\/\/www.garciafaura.com\/wp-content\/uploads\/2023\/06\/Dic-recer-Port-Barcelona-00-600x314.jpg\" alt='' data-no-retina width=\"600\" height=\"314\" \/><\/a><\/div><div class=\"portfolio-entry-details entry-details wpex-clr\"><h2 class=\"portfolio-entry-title entry-title\"><a href=\"https:\/\/www.garciafaura.com\/es\/portfolio-item\/rehabilitacio-del-dic-de-recer-del-port-olimpic-de-barcelona\/\" title=\"Rehabilitaci\u00f3n dique abrigo Port Ol\u00edmpic\">Rehabilitaci\u00f3n dique abrigo Port Ol\u00edmpic<\/a><\/h2><div class=\"portfolio-entry-categories entry-categories wpex-clr\"><a href=\"https:\/\/www.garciafaura.com\/es\/portfolio-category\/edificios-de-servicios\/\" class=\"term-49\">Edificios de Servicios<\/a><\/div><\/div><\/div><\/div><div class=\"portfolio-entry vcex-grid-item entry-has-details span_1_of_3 col col-2 vcex-isotope-entry vcex-no-margin-entry post-31964 entry type-portfolio has-media cat-45 cat-49 translation_priority-6\"><div class=\"portfolio-entry-inner entry-inner wpex-clr\"><div class=\"portfolio-entry-media entry-media wpex-clr\"><a href=\"https:\/\/www.garciafaura.com\/wp-content\/uploads\/2023\/04\/Oficines-i-Residencia-Llacuna-01.jpg\" title=\"Residencia Llacuna 28\" class=\"portfolio-entry-media-link wpex-lightbox-gallery\" data-gallery=\"[{&quot;src&quot;:&quot;https:\\\/\\\/www.garciafaura.com\\\/wp-content\\\/uploads\\\/2023\\\/04\\\/Oficines-i-Residencia-Llacuna-01.jpg&quot;},{&quot;src&quot;:&quot;https:\\\/\\\/www.garciafaura.com\\\/wp-content\\\/uploads\\\/2023\\\/04\\\/Oficines-i-Residencia-Llacuna-27.jpg&quot;},{&quot;src&quot;:&quot;https:\\\/\\\/www.garciafaura.com\\\/wp-content\\\/uploads\\\/2023\\\/04\\\/Oficines-i-Residencia-Llacuna-26.jpg&quot;},{&quot;src&quot;:&quot;https:\\\/\\\/www.garciafaura.com\\\/wp-content\\\/uploads\\\/2023\\\/04\\\/Oficines-i-Residencia-Llacuna-25.jpg&quot;},{&quot;src&quot;:&quot;https:\\\/\\\/www.garciafaura.com\\\/wp-content\\\/uploads\\\/2023\\\/04\\\/Oficines-i-Residencia-Llacuna-24.jpg&quot;},{&quot;src&quot;:&quot;https:\\\/\\\/www.garciafaura.com\\\/wp-content\\\/uploads\\\/2023\\\/04\\\/Oficines-i-Residencia-Llacuna-23.jpg&quot;},{&quot;src&quot;:&quot;https:\\\/\\\/www.garciafaura.com\\\/wp-content\\\/uploads\\\/2023\\\/04\\\/Oficines-i-Residencia-Llacuna-22.jpg&quot;},{&quot;src&quot;:&quot;https:\\\/\\\/www.garciafaura.com\\\/wp-content\\\/uploads\\\/2023\\\/04\\\/Oficines-i-Residencia-Llacuna-21.jpg&quot;},{&quot;src&quot;:&quot;https:\\\/\\\/www.garciafaura.com\\\/wp-content\\\/uploads\\\/2023\\\/04\\\/Oficines-i-Residencia-Llacuna-20.jpg&quot;},{&quot;src&quot;:&quot;https:\\\/\\\/www.garciafaura.com\\\/wp-content\\\/uploads\\\/2023\\\/04\\\/Oficines-i-Residencia-Llacuna-19.jpg&quot;},{&quot;src&quot;:&quot;https:\\\/\\\/www.garciafaura.com\\\/wp-content\\\/uploads\\\/2023\\\/04\\\/Oficines-i-Residencia-Llacuna-18.jpg&quot;},{&quot;src&quot;:&quot;https:\\\/\\\/www.garciafaura.com\\\/wp-content\\\/uploads\\\/2023\\\/04\\\/Oficines-i-Residencia-Llacuna-17.jpg&quot;},{&quot;src&quot;:&quot;https:\\\/\\\/www.garciafaura.com\\\/wp-content\\\/uploads\\\/2023\\\/04\\\/Oficines-i-Residencia-Llacuna-16.jpg&quot;},{&quot;src&quot;:&quot;https:\\\/\\\/www.garciafaura.com\\\/wp-content\\\/uploads\\\/2023\\\/04\\\/Oficines-i-Residencia-Llacuna-15.jpg&quot;},{&quot;src&quot;:&quot;https:\\\/\\\/www.garciafaura.com\\\/wp-content\\\/uploads\\\/2023\\\/04\\\/Oficines-i-Residencia-Llacuna-14.jpg&quot;},{&quot;src&quot;:&quot;https:\\\/\\\/www.garciafaura.com\\\/wp-content\\\/uploads\\\/2023\\\/04\\\/Oficines-i-Residencia-Llacuna-13.jpg&quot;},{&quot;src&quot;:&quot;https:\\\/\\\/www.garciafaura.com\\\/wp-content\\\/uploads\\\/2023\\\/04\\\/Oficines-i-Residencia-Llacuna-12.jpg&quot;},{&quot;src&quot;:&quot;https:\\\/\\\/www.garciafaura.com\\\/wp-content\\\/uploads\\\/2023\\\/04\\\/Oficines-i-Residencia-Llacuna-11.jpg&quot;},{&quot;src&quot;:&quot;https:\\\/\\\/www.garciafaura.com\\\/wp-content\\\/uploads\\\/2023\\\/04\\\/Oficines-i-Residencia-Llacuna-10.jpg&quot;},{&quot;src&quot;:&quot;https:\\\/\\\/www.garciafaura.com\\\/wp-content\\\/uploads\\\/2023\\\/04\\\/Oficines-i-Residencia-Llacuna-09.jpg&quot;},{&quot;src&quot;:&quot;https:\\\/\\\/www.garciafaura.com\\\/wp-content\\\/uploads\\\/2023\\\/04\\\/Oficines-i-Residencia-Llacuna-08.jpg&quot;},{&quot;src&quot;:&quot;https:\\\/\\\/www.garciafaura.com\\\/wp-content\\\/uploads\\\/2023\\\/04\\\/Oficines-i-Residencia-Llacuna-07.jpg&quot;},{&quot;src&quot;:&quot;https:\\\/\\\/www.garciafaura.com\\\/wp-content\\\/uploads\\\/2023\\\/04\\\/Oficines-i-Residencia-Llacuna-06.jpg&quot;},{&quot;src&quot;:&quot;https:\\\/\\\/www.garciafaura.com\\\/wp-content\\\/uploads\\\/2023\\\/04\\\/Oficines-i-Residencia-Llacuna-05.jpg&quot;},{&quot;src&quot;:&quot;https:\\\/\\\/www.garciafaura.com\\\/wp-content\\\/uploads\\\/2023\\\/04\\\/Oficines-i-Residencia-Llacuna-04.jpg&quot;},{&quot;src&quot;:&quot;https:\\\/\\\/www.garciafaura.com\\\/wp-content\\\/uploads\\\/2023\\\/04\\\/Oficines-i-Residencia-Llacuna-03.jpg&quot;},{&quot;src&quot;:&quot;https:\\\/\\\/www.garciafaura.com\\\/wp-content\\\/uploads\\\/2023\\\/04\\\/Oficines-i-Residencia-Llacuna-02.jpg&quot;}]\"><img loading=\"lazy\" decoding=\"async\" data-no-lazy=\"1\" class=\"portfolio-entry-img skip-lazy\" src=\"https:\/\/www.garciafaura.com\/wp-content\/uploads\/2023\/04\/Oficines-i-Residencia-Llacuna-01-600x314.jpg\" alt='' data-no-retina width=\"600\" height=\"314\" \/><\/a><\/div><div class=\"portfolio-entry-details entry-details wpex-clr\"><h2 class=\"portfolio-entry-title entry-title\"><a href=\"https:\/\/www.garciafaura.com\/es\/portfolio-item\/residencia-llacuna-28\/\" title=\"Residencia Llacuna 28\">Residencia Llacuna 28<\/a><\/h2><div class=\"portfolio-entry-categories entry-categories wpex-clr\"><a href=\"https:\/\/www.garciafaura.com\/es\/portfolio-category\/edificios-corporativos\/\" class=\"term-45\">Edificios Corporativos<\/a><\/div><\/div><\/div><\/div><div class=\"portfolio-entry vcex-grid-item entry-has-details span_1_of_3 col col-3 vcex-isotope-entry vcex-no-margin-entry post-31942 entry type-portfolio has-media cat-46 cat-49 cat-58 translation_priority-6\"><div class=\"portfolio-entry-inner entry-inner wpex-clr\"><div class=\"portfolio-entry-media entry-media wpex-clr\"><a href=\"https:\/\/www.garciafaura.com\/wp-content\/uploads\/2023\/04\/Habitatges-residencia-carrer-Mallorca-14.jpg\" title=\"Viviendas y residencia Mallorca 234\" class=\"portfolio-entry-media-link wpex-lightbox-gallery\" data-gallery=\"[{&quot;src&quot;:&quot;https:\\\/\\\/www.garciafaura.com\\\/wp-content\\\/uploads\\\/2023\\\/04\\\/Habitatges-residencia-carrer-Mallorca-14.jpg&quot;,&quot;title&quot;:&quot;GARCIA FAURA&quot;},{&quot;src&quot;:&quot;https:\\\/\\\/www.garciafaura.com\\\/wp-content\\\/uploads\\\/2023\\\/04\\\/Habitatges-residencia-carrer-Mallorca-32.jpg&quot;,&quot;title&quot;:&quot;GARCIA FAURA&quot;},{&quot;src&quot;:&quot;https:\\\/\\\/www.garciafaura.com\\\/wp-content\\\/uploads\\\/2023\\\/04\\\/Habitatges-residencia-carrer-Mallorca-31.jpg&quot;,&quot;title&quot;:&quot;GARCIA FAURA&quot;},{&quot;src&quot;:&quot;https:\\\/\\\/www.garciafaura.com\\\/wp-content\\\/uploads\\\/2023\\\/04\\\/Habitatges-residencia-carrer-Mallorca-30.jpg&quot;,&quot;title&quot;:&quot;GARCIA FAURA&quot;},{&quot;src&quot;:&quot;https:\\\/\\\/www.garciafaura.com\\\/wp-content\\\/uploads\\\/2023\\\/04\\\/Habitatges-residencia-carrer-Mallorca-29.jpg&quot;,&quot;title&quot;:&quot;GARCIA FAURA&quot;},{&quot;src&quot;:&quot;https:\\\/\\\/www.garciafaura.com\\\/wp-content\\\/uploads\\\/2023\\\/04\\\/Habitatges-residencia-carrer-Mallorca-28.jpg&quot;,&quot;title&quot;:&quot;GARCIA FAURA&quot;},{&quot;src&quot;:&quot;https:\\\/\\\/www.garciafaura.com\\\/wp-content\\\/uploads\\\/2023\\\/04\\\/Habitatges-residencia-carrer-Mallorca-27.jpg&quot;,&quot;title&quot;:&quot;GARCIA FAURA&quot;},{&quot;src&quot;:&quot;https:\\\/\\\/www.garciafaura.com\\\/wp-content\\\/uploads\\\/2023\\\/04\\\/Habitatges-residencia-carrer-Mallorca-26.jpg&quot;,&quot;title&quot;:&quot;GARCIA FAURA&quot;},{&quot;src&quot;:&quot;https:\\\/\\\/www.garciafaura.com\\\/wp-content\\\/uploads\\\/2023\\\/04\\\/Habitatges-residencia-carrer-Mallorca-25.jpg&quot;,&quot;title&quot;:&quot;GARCIA FAURA&quot;},{&quot;src&quot;:&quot;https:\\\/\\\/www.garciafaura.com\\\/wp-content\\\/uploads\\\/2023\\\/04\\\/Habitatges-residencia-carrer-Mallorca-24.jpg&quot;,&quot;title&quot;:&quot;GARCIA FAURA&quot;},{&quot;src&quot;:&quot;https:\\\/\\\/www.garciafaura.com\\\/wp-content\\\/uploads\\\/2023\\\/04\\\/Habitatges-residencia-carrer-Mallorca-23.jpg&quot;,&quot;title&quot;:&quot;GARCIA FAURA&quot;},{&quot;src&quot;:&quot;https:\\\/\\\/www.garciafaura.com\\\/wp-content\\\/uploads\\\/2023\\\/04\\\/Habitatges-residencia-carrer-Mallorca-22.jpg&quot;,&quot;title&quot;:&quot;GARCIA FAURA&quot;},{&quot;src&quot;:&quot;https:\\\/\\\/www.garciafaura.com\\\/wp-content\\\/uploads\\\/2023\\\/04\\\/Habitatges-residencia-carrer-Mallorca-21.jpg&quot;,&quot;title&quot;:&quot;GARCIA FAURA&quot;},{&quot;src&quot;:&quot;https:\\\/\\\/www.garciafaura.com\\\/wp-content\\\/uploads\\\/2023\\\/04\\\/Habitatges-residencia-carrer-Mallorca-20.jpg&quot;,&quot;title&quot;:&quot;GARCIA FAURA&quot;},{&quot;src&quot;:&quot;https:\\\/\\\/www.garciafaura.com\\\/wp-content\\\/uploads\\\/2023\\\/04\\\/Habitatges-residencia-carrer-Mallorca-19.jpg&quot;,&quot;title&quot;:&quot;GARCIA FAURA&quot;},{&quot;src&quot;:&quot;https:\\\/\\\/www.garciafaura.com\\\/wp-content\\\/uploads\\\/2023\\\/04\\\/Habitatges-residencia-carrer-Mallorca-18.jpg&quot;,&quot;title&quot;:&quot;GARCIA FAURA&quot;},{&quot;src&quot;:&quot;https:\\\/\\\/www.garciafaura.com\\\/wp-content\\\/uploads\\\/2023\\\/04\\\/Habitatges-residencia-carrer-Mallorca-17.jpg&quot;,&quot;title&quot;:&quot;GARCIA FAURA&quot;},{&quot;src&quot;:&quot;https:\\\/\\\/www.garciafaura.com\\\/wp-content\\\/uploads\\\/2023\\\/04\\\/Habitatges-residencia-carrer-Mallorca-16.jpg&quot;,&quot;title&quot;:&quot;GARCIA FAURA&quot;},{&quot;src&quot;:&quot;https:\\\/\\\/www.garciafaura.com\\\/wp-content\\\/uploads\\\/2023\\\/04\\\/Habitatges-residencia-carrer-Mallorca-15.jpg&quot;,&quot;title&quot;:&quot;GARCIA FAURA&quot;},{&quot;src&quot;:&quot;https:\\\/\\\/www.garciafaura.com\\\/wp-content\\\/uploads\\\/2023\\\/04\\\/Habitatges-residencia-carrer-Mallorca-13.jpg&quot;,&quot;title&quot;:&quot;GARCIA FAURA&quot;},{&quot;src&quot;:&quot;https:\\\/\\\/www.garciafaura.com\\\/wp-content\\\/uploads\\\/2023\\\/04\\\/Habitatges-residencia-carrer-Mallorca-12.jpg&quot;,&quot;title&quot;:&quot;GARCIA FAURA&quot;},{&quot;src&quot;:&quot;https:\\\/\\\/www.garciafaura.com\\\/wp-content\\\/uploads\\\/2023\\\/04\\\/Habitatges-residencia-carrer-Mallorca-11.jpg&quot;,&quot;title&quot;:&quot;GARCIA FAURA&quot;},{&quot;src&quot;:&quot;https:\\\/\\\/www.garciafaura.com\\\/wp-content\\\/uploads\\\/2023\\\/04\\\/Habitatges-residencia-carrer-Mallorca-10.jpg&quot;,&quot;title&quot;:&quot;GARCIA FAURA&quot;},{&quot;src&quot;:&quot;https:\\\/\\\/www.garciafaura.com\\\/wp-content\\\/uploads\\\/2023\\\/04\\\/Habitatges-residencia-carrer-Mallorca-9.jpg&quot;,&quot;title&quot;:&quot;GARCIA FAURA&quot;},{&quot;src&quot;:&quot;https:\\\/\\\/www.garciafaura.com\\\/wp-content\\\/uploads\\\/2023\\\/04\\\/Habitatges-residencia-carrer-Mallorca-8.jpg&quot;,&quot;title&quot;:&quot;GARCIA FAURA&quot;},{&quot;src&quot;:&quot;https:\\\/\\\/www.garciafaura.com\\\/wp-content\\\/uploads\\\/2023\\\/04\\\/Habitatges-residencia-carrer-Mallorca-7.jpg&quot;,&quot;title&quot;:&quot;GARCIA FAURA&quot;},{&quot;src&quot;:&quot;https:\\\/\\\/www.garciafaura.com\\\/wp-content\\\/uploads\\\/2023\\\/04\\\/Habitatges-residencia-carrer-Mallorca-6.jpg&quot;,&quot;title&quot;:&quot;GARCIA FAURA&quot;},{&quot;src&quot;:&quot;https:\\\/\\\/www.garciafaura.com\\\/wp-content\\\/uploads\\\/2023\\\/04\\\/Habitatges-residencia-carrer-Mallorca-5.jpg&quot;,&quot;title&quot;:&quot;GARCIA FAURA&quot;},{&quot;src&quot;:&quot;https:\\\/\\\/www.garciafaura.com\\\/wp-content\\\/uploads\\\/2023\\\/04\\\/Habitatges-residencia-carrer-Mallorca-4.jpg&quot;,&quot;title&quot;:&quot;GARCIA FAURA&quot;},{&quot;src&quot;:&quot;https:\\\/\\\/www.garciafaura.com\\\/wp-content\\\/uploads\\\/2023\\\/04\\\/Habitatges-residencia-carrer-Mallorca-3.jpg&quot;,&quot;title&quot;:&quot;GARCIA FAURA&quot;},{&quot;src&quot;:&quot;https:\\\/\\\/www.garciafaura.com\\\/wp-content\\\/uploads\\\/2023\\\/04\\\/Habitatges-residencia-carrer-Mallorca-2.jpg&quot;,&quot;title&quot;:&quot;GARCIA FAURA&quot;},{&quot;src&quot;:&quot;https:\\\/\\\/www.garciafaura.com\\\/wp-content\\\/uploads\\\/2023\\\/04\\\/Habitatges-residencia-carrer-Mallorca-1.jpg&quot;,&quot;title&quot;:&quot;GARCIA FAURA&quot;}]\"><img loading=\"lazy\" decoding=\"async\" data-no-lazy=\"1\" class=\"portfolio-entry-img skip-lazy\" src=\"https:\/\/www.garciafaura.com\/wp-content\/uploads\/2023\/04\/Habitatges-residencia-carrer-Mallorca-14-600x314.jpg\" alt=\"GARCIA FAURA\" data-no-retina width=\"600\" height=\"314\" \/><\/a><\/div><div class=\"portfolio-entry-details entry-details wpex-clr\"><h2 class=\"portfolio-entry-title entry-title\"><a href=\"https:\/\/www.garciafaura.com\/es\/portfolio-item\/habitatges-i-residencia-mallorca-234\/\" title=\"Viviendas y residencia Mallorca 234\">Viviendas y residencia Mallorca 234<\/a><\/h2><div class=\"portfolio-entry-categories entry-categories wpex-clr\"><a href=\"https:\/\/www.garciafaura.com\/es\/portfolio-category\/conjuntos-residenciales\/\" class=\"term-46\">Conjuntos residenciales<\/a><\/div><\/div><\/div><\/div><div class=\"portfolio-entry vcex-grid-item entry-has-details span_1_of_3 col col-1 vcex-isotope-entry vcex-no-margin-entry post-30307 entry type-portfolio has-media cat-49 translation_priority-6\"><div class=\"portfolio-entry-inner entry-inner wpex-clr\"><div class=\"portfolio-entry-media entry-media wpex-clr\"><a href=\"https:\/\/www.garciafaura.com\/wp-content\/uploads\/2022\/08\/GARCIA-FAURA-Hospital-Granollers-Tancaments-00.jpg\" title=\"Centro de Oncolog\u00eda Radioter\u00e1pica\" class=\"portfolio-entry-media-link wpex-lightbox-gallery\" data-gallery=\"[{&quot;src&quot;:&quot;https:\\\/\\\/www.garciafaura.com\\\/wp-content\\\/uploads\\\/2022\\\/08\\\/GARCIA-FAURA-Hospital-Granollers-Tancaments-00.jpg&quot;},{&quot;src&quot;:&quot;https:\\\/\\\/www.garciafaura.com\\\/wp-content\\\/uploads\\\/2022\\\/08\\\/GARCIA-FAURA-Hospital-Granollers-Tancaments-16.jpg&quot;},{&quot;src&quot;:&quot;https:\\\/\\\/www.garciafaura.com\\\/wp-content\\\/uploads\\\/2022\\\/08\\\/GARCIA-FAURA-Hospital-Granollers-Tancaments-15.jpg&quot;},{&quot;src&quot;:&quot;https:\\\/\\\/www.garciafaura.com\\\/wp-content\\\/uploads\\\/2022\\\/08\\\/GARCIA-FAURA-Hospital-Granollers-Tancaments-14.jpg&quot;},{&quot;src&quot;:&quot;https:\\\/\\\/www.garciafaura.com\\\/wp-content\\\/uploads\\\/2022\\\/08\\\/GARCIA-FAURA-Hospital-Granollers-Tancaments-13.jpg&quot;},{&quot;src&quot;:&quot;https:\\\/\\\/www.garciafaura.com\\\/wp-content\\\/uploads\\\/2022\\\/08\\\/GARCIA-FAURA-Hospital-Granollers-Tancaments-12.jpg&quot;},{&quot;src&quot;:&quot;https:\\\/\\\/www.garciafaura.com\\\/wp-content\\\/uploads\\\/2022\\\/08\\\/GARCIA-FAURA-Hospital-Granollers-Tancaments-11.jpg&quot;},{&quot;src&quot;:&quot;https:\\\/\\\/www.garciafaura.com\\\/wp-content\\\/uploads\\\/2022\\\/08\\\/GARCIA-FAURA-Hospital-Granollers-Tancaments-10.jpg&quot;},{&quot;src&quot;:&quot;https:\\\/\\\/www.garciafaura.com\\\/wp-content\\\/uploads\\\/2022\\\/08\\\/GARCIA-FAURA-Hospital-Granollers-Tancaments-09.jpg&quot;},{&quot;src&quot;:&quot;https:\\\/\\\/www.garciafaura.com\\\/wp-content\\\/uploads\\\/2022\\\/08\\\/GARCIA-FAURA-Hospital-Granollers-Tancaments-08.jpg&quot;},{&quot;src&quot;:&quot;https:\\\/\\\/www.garciafaura.com\\\/wp-content\\\/uploads\\\/2022\\\/08\\\/GARCIA-FAURA-Hospital-Granollers-Tancaments-07.jpg&quot;},{&quot;src&quot;:&quot;https:\\\/\\\/www.garciafaura.com\\\/wp-content\\\/uploads\\\/2022\\\/08\\\/GARCIA-FAURA-Hospital-Granollers-Tancaments-06.jpg&quot;},{&quot;src&quot;:&quot;https:\\\/\\\/www.garciafaura.com\\\/wp-content\\\/uploads\\\/2022\\\/08\\\/GARCIA-FAURA-Hospital-Granollers-Tancaments-05.jpg&quot;},{&quot;src&quot;:&quot;https:\\\/\\\/www.garciafaura.com\\\/wp-content\\\/uploads\\\/2022\\\/08\\\/GARCIA-FAURA-Hospital-Granollers-Tancaments-04.jpg&quot;},{&quot;src&quot;:&quot;https:\\\/\\\/www.garciafaura.com\\\/wp-content\\\/uploads\\\/2022\\\/08\\\/GARCIA-FAURA-Hospital-Granollers-Tancaments-02.jpg&quot;},{&quot;src&quot;:&quot;https:\\\/\\\/www.garciafaura.com\\\/wp-content\\\/uploads\\\/2022\\\/08\\\/GARCIA-FAURA-Hospital-Granollers-Tancaments-01.jpg&quot;}]\"><img loading=\"lazy\" decoding=\"async\" data-no-lazy=\"1\" class=\"portfolio-entry-img skip-lazy\" src=\"https:\/\/www.garciafaura.com\/wp-content\/uploads\/2022\/08\/GARCIA-FAURA-Hospital-Granollers-Tancaments-00-600x314.jpg\" alt='' data-no-retina width=\"600\" height=\"314\" \/><\/a><\/div><div class=\"portfolio-entry-details entry-details wpex-clr\"><h2 class=\"portfolio-entry-title entry-title\"><a href=\"https:\/\/www.garciafaura.com\/es\/portfolio-item\/centre-doncologia-radioterapica\/\" title=\"Centro de Oncolog\u00eda Radioter\u00e1pica\">Centro de Oncolog\u00eda Radioter\u00e1pica<\/a><\/h2><div class=\"portfolio-entry-categories entry-categories wpex-clr\"><a href=\"https:\/\/www.garciafaura.com\/es\/portfolio-category\/edificios-de-servicios\/\" class=\"term-49\">Edificios de Servicios<\/a><\/div><\/div><\/div><\/div><div class=\"portfolio-entry vcex-grid-item entry-has-details span_1_of_3 col col-2 vcex-isotope-entry vcex-no-margin-entry post-29044 entry type-portfolio has-media cat-49 translation_priority-6\"><div class=\"portfolio-entry-inner entry-inner wpex-clr\"><div class=\"portfolio-entry-media entry-media wpex-clr\"><a href=\"https:\/\/www.garciafaura.com\/wp-content\/uploads\/2022\/02\/Campus-docent-Sant-Joan-de-Deu-01.jpg\" title=\"Campus Docente Sant Joan de D\u00e9u\" class=\"portfolio-entry-media-link wpex-lightbox-gallery\" data-gallery=\"[{&quot;src&quot;:&quot;https:\\\/\\\/www.garciafaura.com\\\/wp-content\\\/uploads\\\/2022\\\/02\\\/Campus-docent-Sant-Joan-de-Deu-01.jpg&quot;},{&quot;src&quot;:&quot;https:\\\/\\\/www.garciafaura.com\\\/wp-content\\\/uploads\\\/2022\\\/02\\\/Campus-docent-Sant-Joan-de-Deu-20.jpg&quot;},{&quot;src&quot;:&quot;https:\\\/\\\/www.garciafaura.com\\\/wp-content\\\/uploads\\\/2022\\\/02\\\/Campus-docent-Sant-Joan-de-Deu-19.jpg&quot;},{&quot;src&quot;:&quot;https:\\\/\\\/www.garciafaura.com\\\/wp-content\\\/uploads\\\/2022\\\/02\\\/Campus-docent-Sant-Joan-de-Deu-18.jpg&quot;},{&quot;src&quot;:&quot;https:\\\/\\\/www.garciafaura.com\\\/wp-content\\\/uploads\\\/2022\\\/02\\\/Campus-docent-Sant-Joan-de-Deu-17.jpg&quot;},{&quot;src&quot;:&quot;https:\\\/\\\/www.garciafaura.com\\\/wp-content\\\/uploads\\\/2022\\\/02\\\/Campus-docent-Sant-Joan-de-Deu-16.jpg&quot;},{&quot;src&quot;:&quot;https:\\\/\\\/www.garciafaura.com\\\/wp-content\\\/uploads\\\/2022\\\/02\\\/Campus-docent-Sant-Joan-de-Deu-15.jpg&quot;},{&quot;src&quot;:&quot;https:\\\/\\\/www.garciafaura.com\\\/wp-content\\\/uploads\\\/2022\\\/02\\\/Campus-docent-Sant-Joan-de-Deu-14.jpg&quot;},{&quot;src&quot;:&quot;https:\\\/\\\/www.garciafaura.com\\\/wp-content\\\/uploads\\\/2022\\\/02\\\/Campus-docent-Sant-Joan-de-Deu-13.jpg&quot;},{&quot;src&quot;:&quot;https:\\\/\\\/www.garciafaura.com\\\/wp-content\\\/uploads\\\/2022\\\/02\\\/Campus-docent-Sant-Joan-de-Deu-12.jpg&quot;},{&quot;src&quot;:&quot;https:\\\/\\\/www.garciafaura.com\\\/wp-content\\\/uploads\\\/2022\\\/02\\\/Campus-docent-Sant-Joan-de-Deu-11.jpg&quot;},{&quot;src&quot;:&quot;https:\\\/\\\/www.garciafaura.com\\\/wp-content\\\/uploads\\\/2022\\\/02\\\/Campus-docent-Sant-Joan-de-Deu-10.jpg&quot;},{&quot;src&quot;:&quot;https:\\\/\\\/www.garciafaura.com\\\/wp-content\\\/uploads\\\/2022\\\/02\\\/Campus-docent-Sant-Joan-de-Deu-09.jpg&quot;},{&quot;src&quot;:&quot;https:\\\/\\\/www.garciafaura.com\\\/wp-content\\\/uploads\\\/2022\\\/02\\\/Campus-docent-Sant-Joan-de-Deu-08.jpg&quot;},{&quot;src&quot;:&quot;https:\\\/\\\/www.garciafaura.com\\\/wp-content\\\/uploads\\\/2022\\\/02\\\/Campus-docent-Sant-Joan-de-Deu-07.jpg&quot;},{&quot;src&quot;:&quot;https:\\\/\\\/www.garciafaura.com\\\/wp-content\\\/uploads\\\/2022\\\/02\\\/Campus-docent-Sant-Joan-de-Deu-06.jpg&quot;},{&quot;src&quot;:&quot;https:\\\/\\\/www.garciafaura.com\\\/wp-content\\\/uploads\\\/2022\\\/02\\\/Campus-docent-Sant-Joan-de-Deu-05.jpg&quot;},{&quot;src&quot;:&quot;https:\\\/\\\/www.garciafaura.com\\\/wp-content\\\/uploads\\\/2022\\\/02\\\/Campus-docent-Sant-Joan-de-Deu-04.jpg&quot;},{&quot;src&quot;:&quot;https:\\\/\\\/www.garciafaura.com\\\/wp-content\\\/uploads\\\/2022\\\/02\\\/Campus-docent-Sant-Joan-de-Deu-03.jpg&quot;},{&quot;src&quot;:&quot;https:\\\/\\\/www.garciafaura.com\\\/wp-content\\\/uploads\\\/2022\\\/02\\\/Campus-docent-Sant-Joan-de-Deu-02.jpg&quot;}]\"><img loading=\"lazy\" decoding=\"async\" data-no-lazy=\"1\" class=\"portfolio-entry-img skip-lazy\" src=\"https:\/\/www.garciafaura.com\/wp-content\/uploads\/2022\/02\/Campus-docent-Sant-Joan-de-Deu-01-600x314.jpg\" alt='' data-no-retina width=\"600\" height=\"314\" \/><\/a><\/div><div class=\"portfolio-entry-details entry-details wpex-clr\"><h2 class=\"portfolio-entry-title entry-title\"><a href=\"https:\/\/www.garciafaura.com\/es\/portfolio-item\/campus-docent-sant-joan-de-deu\/\" title=\"Campus Docente Sant Joan de D\u00e9u\">Campus Docente Sant Joan de D\u00e9u<\/a><\/h2><div class=\"portfolio-entry-categories entry-categories wpex-clr\"><a href=\"https:\/\/www.garciafaura.com\/es\/portfolio-category\/edificios-de-servicios\/\" class=\"term-49\">Edificios de Servicios<\/a><\/div><\/div><\/div><\/div><div class=\"portfolio-entry vcex-grid-item entry-has-details span_1_of_3 col col-3 vcex-isotope-entry vcex-no-margin-entry post-28478 entry type-portfolio has-media cat-46 cat-47 cat-49 cat-50 translation_priority-6\"><div class=\"portfolio-entry-inner entry-inner wpex-clr\"><div class=\"portfolio-entry-media entry-media wpex-clr\"><a href=\"https:\/\/www.garciafaura.com\/wp-content\/uploads\/2021\/10\/Residencia-Valeo-13.jpg\" title=\"Residencia de estudiantes Valeo 22@\" class=\"portfolio-entry-media-link wpex-lightbox-gallery\" data-gallery=\"[{&quot;src&quot;:&quot;https:\\\/\\\/www.garciafaura.com\\\/wp-content\\\/uploads\\\/2021\\\/10\\\/Residencia-Valeo-1.jpg&quot;},{&quot;src&quot;:&quot;https:\\\/\\\/www.garciafaura.com\\\/wp-content\\\/uploads\\\/2021\\\/10\\\/Residencia-Valeo-19.jpg&quot;},{&quot;src&quot;:&quot;https:\\\/\\\/www.garciafaura.com\\\/wp-content\\\/uploads\\\/2021\\\/10\\\/Residencia-Valeo-18.jpg&quot;},{&quot;src&quot;:&quot;https:\\\/\\\/www.garciafaura.com\\\/wp-content\\\/uploads\\\/2021\\\/10\\\/Residencia-Valeo-17.jpg&quot;},{&quot;src&quot;:&quot;https:\\\/\\\/www.garciafaura.com\\\/wp-content\\\/uploads\\\/2021\\\/10\\\/Residencia-Valeo-16.jpg&quot;},{&quot;src&quot;:&quot;https:\\\/\\\/www.garciafaura.com\\\/wp-content\\\/uploads\\\/2021\\\/10\\\/Residencia-Valeo-15.jpg&quot;},{&quot;src&quot;:&quot;https:\\\/\\\/www.garciafaura.com\\\/wp-content\\\/uploads\\\/2021\\\/10\\\/Residencia-Valeo-14.jpg&quot;},{&quot;src&quot;:&quot;https:\\\/\\\/www.garciafaura.com\\\/wp-content\\\/uploads\\\/2021\\\/10\\\/Residencia-Valeo-13.jpg&quot;},{&quot;src&quot;:&quot;https:\\\/\\\/www.garciafaura.com\\\/wp-content\\\/uploads\\\/2021\\\/10\\\/Residencia-Valeo-12.jpg&quot;},{&quot;src&quot;:&quot;https:\\\/\\\/www.garciafaura.com\\\/wp-content\\\/uploads\\\/2021\\\/10\\\/Residencia-Valeo-11.jpg&quot;},{&quot;src&quot;:&quot;https:\\\/\\\/www.garciafaura.com\\\/wp-content\\\/uploads\\\/2021\\\/10\\\/Residencia-Valeo-10.jpg&quot;},{&quot;src&quot;:&quot;https:\\\/\\\/www.garciafaura.com\\\/wp-content\\\/uploads\\\/2021\\\/10\\\/Residencia-Valeo-9.jpg&quot;},{&quot;src&quot;:&quot;https:\\\/\\\/www.garciafaura.com\\\/wp-content\\\/uploads\\\/2021\\\/10\\\/Residencia-Valeo-8.jpg&quot;},{&quot;src&quot;:&quot;https:\\\/\\\/www.garciafaura.com\\\/wp-content\\\/uploads\\\/2021\\\/10\\\/Residencia-Valeo-7.jpg&quot;},{&quot;src&quot;:&quot;https:\\\/\\\/www.garciafaura.com\\\/wp-content\\\/uploads\\\/2021\\\/10\\\/Residencia-Valeo-6.jpg&quot;},{&quot;src&quot;:&quot;https:\\\/\\\/www.garciafaura.com\\\/wp-content\\\/uploads\\\/2021\\\/10\\\/Residencia-Valeo-5.jpg&quot;},{&quot;src&quot;:&quot;https:\\\/\\\/www.garciafaura.com\\\/wp-content\\\/uploads\\\/2021\\\/10\\\/Residencia-Valeo-4.jpg&quot;},{&quot;src&quot;:&quot;https:\\\/\\\/www.garciafaura.com\\\/wp-content\\\/uploads\\\/2021\\\/10\\\/Residencia-Valeo-3.jpg&quot;},{&quot;src&quot;:&quot;https:\\\/\\\/www.garciafaura.com\\\/wp-content\\\/uploads\\\/2021\\\/10\\\/Residencia-Valeo-2.jpg&quot;}]\"><img loading=\"lazy\" decoding=\"async\" data-no-lazy=\"1\" class=\"portfolio-entry-img skip-lazy\" src=\"https:\/\/www.garciafaura.com\/wp-content\/uploads\/2021\/10\/Residencia-Valeo-13-600x314.jpg\" alt='' data-no-retina width=\"600\" height=\"314\" \/><\/a><\/div><div class=\"portfolio-entry-details entry-details wpex-clr\"><h2 class=\"portfolio-entry-title entry-title\"><a href=\"https:\/\/www.garciafaura.com\/es\/portfolio-item\/residencia-destudiants-valeo-22\/\" title=\"Residencia de estudiantes Valeo 22@\">Residencia de estudiantes Valeo 22@<\/a><\/h2><div class=\"portfolio-entry-categories entry-categories wpex-clr\"><a href=\"https:\/\/www.garciafaura.com\/es\/portfolio-category\/conjuntos-residenciales\/\" class=\"term-46\">Conjuntos residenciales<\/a><\/div><\/div><\/div><\/div><div class=\"portfolio-entry vcex-grid-item entry-has-details span_1_of_3 col col-1 vcex-isotope-entry vcex-no-margin-entry post-28453 entry type-portfolio has-media cat-49 translation_priority-6\"><div class=\"portfolio-entry-inner entry-inner wpex-clr\"><div class=\"portfolio-entry-media entry-media wpex-clr\"><a href=\"https:\/\/www.garciafaura.com\/wp-content\/uploads\/2021\/10\/Reside\u0300ncia-Pallars-489-04.jpg\" title=\"Residencia de estudiantes Pallars 489\" class=\"portfolio-entry-media-link wpex-lightbox-gallery\" data-gallery=\"[{&quot;src&quot;:&quot;https:\\\/\\\/www.garciafaura.com\\\/wp-content\\\/uploads\\\/2021\\\/10\\\/Reside\\u0300ncia-Pallars-489-04.jpg&quot;},{&quot;src&quot;:&quot;https:\\\/\\\/www.garciafaura.com\\\/wp-content\\\/uploads\\\/2021\\\/10\\\/Reside\\u0300ncia-Pallars-489-15.jpg&quot;},{&quot;src&quot;:&quot;https:\\\/\\\/www.garciafaura.com\\\/wp-content\\\/uploads\\\/2021\\\/10\\\/Reside\\u0300ncia-Pallars-489-14.jpg&quot;},{&quot;src&quot;:&quot;https:\\\/\\\/www.garciafaura.com\\\/wp-content\\\/uploads\\\/2021\\\/10\\\/Reside\\u0300ncia-Pallars-489-02.jpg&quot;},{&quot;src&quot;:&quot;https:\\\/\\\/www.garciafaura.com\\\/wp-content\\\/uploads\\\/2021\\\/10\\\/Reside\\u0300ncia-Pallars-489-03.jpg&quot;},{&quot;src&quot;:&quot;https:\\\/\\\/www.garciafaura.com\\\/wp-content\\\/uploads\\\/2021\\\/10\\\/Reside\\u0300ncia-Pallars-489-01.jpg&quot;},{&quot;src&quot;:&quot;https:\\\/\\\/www.garciafaura.com\\\/wp-content\\\/uploads\\\/2021\\\/10\\\/Reside\\u0300ncia-Pallars-489-13.jpg&quot;},{&quot;src&quot;:&quot;https:\\\/\\\/www.garciafaura.com\\\/wp-content\\\/uploads\\\/2021\\\/10\\\/Reside\\u0300ncia-Pallars-489-12.jpg&quot;},{&quot;src&quot;:&quot;https:\\\/\\\/www.garciafaura.com\\\/wp-content\\\/uploads\\\/2021\\\/10\\\/Reside\\u0300ncia-Pallars-489-11.jpg&quot;},{&quot;src&quot;:&quot;https:\\\/\\\/www.garciafaura.com\\\/wp-content\\\/uploads\\\/2021\\\/10\\\/Reside\\u0300ncia-Pallars-489-10.jpg&quot;},{&quot;src&quot;:&quot;https:\\\/\\\/www.garciafaura.com\\\/wp-content\\\/uploads\\\/2021\\\/10\\\/Reside\\u0300ncia-Pallars-489-09.jpg&quot;},{&quot;src&quot;:&quot;https:\\\/\\\/www.garciafaura.com\\\/wp-content\\\/uploads\\\/2021\\\/10\\\/Reside\\u0300ncia-Pallars-489-08.jpg&quot;},{&quot;src&quot;:&quot;https:\\\/\\\/www.garciafaura.com\\\/wp-content\\\/uploads\\\/2021\\\/10\\\/Reside\\u0300ncia-Pallars-489-07.jpg&quot;},{&quot;src&quot;:&quot;https:\\\/\\\/www.garciafaura.com\\\/wp-content\\\/uploads\\\/2021\\\/10\\\/Reside\\u0300ncia-Pallars-489-06.jpg&quot;},{&quot;src&quot;:&quot;https:\\\/\\\/www.garciafaura.com\\\/wp-content\\\/uploads\\\/2021\\\/10\\\/Reside\\u0300ncia-Pallars-489-05.jpg&quot;}]\"><img loading=\"lazy\" decoding=\"async\" data-no-lazy=\"1\" class=\"portfolio-entry-img skip-lazy\" src=\"https:\/\/www.garciafaura.com\/wp-content\/uploads\/2021\/10\/Reside\u0300ncia-Pallars-489-04-600x314.jpg\" alt='' data-no-retina width=\"600\" height=\"314\" \/><\/a><\/div><div class=\"portfolio-entry-details entry-details wpex-clr\"><h2 class=\"portfolio-entry-title entry-title\"><a href=\"https:\/\/www.garciafaura.com\/es\/portfolio-item\/residencia-pallars-488\/\" title=\"Residencia de estudiantes Pallars 489\">Residencia de estudiantes Pallars 489<\/a><\/h2><div class=\"portfolio-entry-categories entry-categories wpex-clr\"><a href=\"https:\/\/www.garciafaura.com\/es\/portfolio-category\/edificios-de-servicios\/\" class=\"term-49\">Edificios de Servicios<\/a><\/div><\/div><\/div><\/div><div class=\"portfolio-entry vcex-grid-item entry-has-details span_1_of_3 col col-2 vcex-isotope-entry vcex-no-margin-entry post-28314 entry type-portfolio has-media cat-49 cat-50 translation_priority-6\"><div class=\"portfolio-entry-inner entry-inner wpex-clr\"><div class=\"portfolio-entry-media entry-media wpex-clr\"><a href=\"https:\/\/www.garciafaura.com\/wp-content\/uploads\/2021\/08\/Residencia-Pallars-433-11.jpg\" title=\"Residencia de estudiantes Pallars 433\" class=\"portfolio-entry-media-link wpex-lightbox-gallery\" data-gallery=\"[{&quot;src&quot;:&quot;https:\\\/\\\/www.garciafaura.com\\\/wp-content\\\/uploads\\\/2021\\\/08\\\/Residencia-Pallars-433-11.jpg&quot;},{&quot;src&quot;:&quot;https:\\\/\\\/www.garciafaura.com\\\/wp-content\\\/uploads\\\/2021\\\/08\\\/Residencia-Pallars-433-10.jpg&quot;},{&quot;src&quot;:&quot;https:\\\/\\\/www.garciafaura.com\\\/wp-content\\\/uploads\\\/2021\\\/08\\\/Residencia-Pallars-433-09.jpg&quot;},{&quot;src&quot;:&quot;https:\\\/\\\/www.garciafaura.com\\\/wp-content\\\/uploads\\\/2021\\\/08\\\/Reside\\u0300ncia-Pallars-433-20.jpg&quot;},{&quot;src&quot;:&quot;https:\\\/\\\/www.garciafaura.com\\\/wp-content\\\/uploads\\\/2021\\\/08\\\/Residencia-Pallars-433-07.jpg&quot;},{&quot;src&quot;:&quot;https:\\\/\\\/www.garciafaura.com\\\/wp-content\\\/uploads\\\/2021\\\/08\\\/Residencia-Pallars-433-06.jpg&quot;},{&quot;src&quot;:&quot;https:\\\/\\\/www.garciafaura.com\\\/wp-content\\\/uploads\\\/2021\\\/08\\\/Residencia-Pallars-433-05.jpg&quot;},{&quot;src&quot;:&quot;https:\\\/\\\/www.garciafaura.com\\\/wp-content\\\/uploads\\\/2021\\\/08\\\/Residencia-Pallars-433-04.jpg&quot;},{&quot;src&quot;:&quot;https:\\\/\\\/www.garciafaura.com\\\/wp-content\\\/uploads\\\/2021\\\/08\\\/Residencia-Pallars-433-03.jpg&quot;},{&quot;src&quot;:&quot;https:\\\/\\\/www.garciafaura.com\\\/wp-content\\\/uploads\\\/2021\\\/08\\\/Reside\\u0300ncia-Pallars-433-18.jpg&quot;},{&quot;src&quot;:&quot;https:\\\/\\\/www.garciafaura.com\\\/wp-content\\\/uploads\\\/2021\\\/08\\\/Reside\\u0300ncia-Pallars-433-16.jpg&quot;},{&quot;src&quot;:&quot;https:\\\/\\\/www.garciafaura.com\\\/wp-content\\\/uploads\\\/2021\\\/08\\\/Reside\\u0300ncia-Pallars-433-12.jpg&quot;},{&quot;src&quot;:&quot;https:\\\/\\\/www.garciafaura.com\\\/wp-content\\\/uploads\\\/2021\\\/08\\\/Reside\\u0300ncia-Pallars-433-08.jpg&quot;},{&quot;src&quot;:&quot;https:\\\/\\\/www.garciafaura.com\\\/wp-content\\\/uploads\\\/2021\\\/08\\\/Residencia-Pallars-433-02.jpg&quot;},{&quot;src&quot;:&quot;https:\\\/\\\/www.garciafaura.com\\\/wp-content\\\/uploads\\\/2021\\\/08\\\/Residencia-Pallars-433-01.jpg&quot;}]\"><img loading=\"lazy\" decoding=\"async\" data-no-lazy=\"1\" class=\"portfolio-entry-img skip-lazy\" src=\"https:\/\/www.garciafaura.com\/wp-content\/uploads\/2021\/08\/Residencia-Pallars-433-11-600x314.jpg\" alt='' data-no-retina width=\"600\" height=\"314\" \/><\/a><\/div><div class=\"portfolio-entry-details entry-details wpex-clr\"><h2 class=\"portfolio-entry-title entry-title\"><a href=\"https:\/\/www.garciafaura.com\/es\/portfolio-item\/residencia-pallars-433\/\" title=\"Residencia de estudiantes Pallars 433\">Residencia de estudiantes Pallars 433<\/a><\/h2><div class=\"portfolio-entry-categories entry-categories wpex-clr\"><a href=\"https:\/\/www.garciafaura.com\/es\/portfolio-category\/edificios-de-servicios\/\" class=\"term-49\">Edificios de Servicios<\/a><\/div><\/div><\/div><\/div><div class=\"portfolio-entry vcex-grid-item entry-has-details span_1_of_3 col col-3 vcex-isotope-entry vcex-no-margin-entry post-19830 entry type-portfolio has-media cat-49 translation_priority-6\"><div class=\"portfolio-entry-inner entry-inner wpex-clr\"><div class=\"portfolio-entry-media entry-media wpex-clr\"><a href=\"https:\/\/www.garciafaura.com\/wp-content\/uploads\/2019\/04\/Tanatori-Litoral-01.jpg\" title=\"Tanatorio del Litoral\" class=\"portfolio-entry-media-link wpex-lightbox-gallery\" data-gallery=\"[{&quot;src&quot;:&quot;https:\\\/\\\/www.garciafaura.com\\\/wp-content\\\/uploads\\\/2019\\\/04\\\/Tanatori-Litoral-01.jpg&quot;},{&quot;src&quot;:&quot;https:\\\/\\\/www.garciafaura.com\\\/wp-content\\\/uploads\\\/2019\\\/04\\\/Tanatori-Litoral-19.jpg&quot;},{&quot;src&quot;:&quot;https:\\\/\\\/www.garciafaura.com\\\/wp-content\\\/uploads\\\/2019\\\/04\\\/Tanatori-Litoral-18.jpg&quot;},{&quot;src&quot;:&quot;https:\\\/\\\/www.garciafaura.com\\\/wp-content\\\/uploads\\\/2019\\\/04\\\/Tanatori-Litoral-17.jpg&quot;},{&quot;src&quot;:&quot;https:\\\/\\\/www.garciafaura.com\\\/wp-content\\\/uploads\\\/2019\\\/04\\\/Tanatori-Litoral-16.jpg&quot;},{&quot;src&quot;:&quot;https:\\\/\\\/www.garciafaura.com\\\/wp-content\\\/uploads\\\/2019\\\/04\\\/Tanatori-Litoral-15.jpg&quot;},{&quot;src&quot;:&quot;https:\\\/\\\/www.garciafaura.com\\\/wp-content\\\/uploads\\\/2019\\\/04\\\/Tanatori-Litoral-14.jpg&quot;},{&quot;src&quot;:&quot;https:\\\/\\\/www.garciafaura.com\\\/wp-content\\\/uploads\\\/2019\\\/04\\\/Tanatori-Litoral-13.jpg&quot;},{&quot;src&quot;:&quot;https:\\\/\\\/www.garciafaura.com\\\/wp-content\\\/uploads\\\/2019\\\/04\\\/Tanatori-Litoral-12.jpg&quot;},{&quot;src&quot;:&quot;https:\\\/\\\/www.garciafaura.com\\\/wp-content\\\/uploads\\\/2019\\\/04\\\/Tanatori-Litoral-11.jpg&quot;},{&quot;src&quot;:&quot;https:\\\/\\\/www.garciafaura.com\\\/wp-content\\\/uploads\\\/2019\\\/04\\\/Tanatori-Litoral-10.jpg&quot;},{&quot;src&quot;:&quot;https:\\\/\\\/www.garciafaura.com\\\/wp-content\\\/uploads\\\/2019\\\/04\\\/Tanatori-Litoral-09.jpg&quot;},{&quot;src&quot;:&quot;https:\\\/\\\/www.garciafaura.com\\\/wp-content\\\/uploads\\\/2019\\\/04\\\/Tanatori-Litoral-08.jpg&quot;},{&quot;src&quot;:&quot;https:\\\/\\\/www.garciafaura.com\\\/wp-content\\\/uploads\\\/2019\\\/04\\\/Tanatori-Litoral-07.jpg&quot;},{&quot;src&quot;:&quot;https:\\\/\\\/www.garciafaura.com\\\/wp-content\\\/uploads\\\/2019\\\/04\\\/Tanatori-Litoral-06.jpg&quot;},{&quot;src&quot;:&quot;https:\\\/\\\/www.garciafaura.com\\\/wp-content\\\/uploads\\\/2019\\\/04\\\/Tanatori-Litoral-05.jpg&quot;},{&quot;src&quot;:&quot;https:\\\/\\\/www.garciafaura.com\\\/wp-content\\\/uploads\\\/2019\\\/04\\\/Tanatori-Litoral-04.jpg&quot;},{&quot;src&quot;:&quot;https:\\\/\\\/www.garciafaura.com\\\/wp-content\\\/uploads\\\/2019\\\/04\\\/Tanatori-Litoral-03.jpg&quot;},{&quot;src&quot;:&quot;https:\\\/\\\/www.garciafaura.com\\\/wp-content\\\/uploads\\\/2019\\\/04\\\/Tanatori-Litoral-02.jpg&quot;}]\"><img loading=\"lazy\" decoding=\"async\" data-no-lazy=\"1\" class=\"portfolio-entry-img skip-lazy\" src=\"https:\/\/www.garciafaura.com\/wp-content\/uploads\/2019\/04\/Tanatori-Litoral-01-600x314.jpg\" alt='' data-no-retina width=\"600\" height=\"314\" \/><\/a><\/div><div class=\"portfolio-entry-details entry-details wpex-clr\"><h2 class=\"portfolio-entry-title entry-title\"><a href=\"https:\/\/www.garciafaura.com\/es\/portfolio-item\/tanatorio-del-litoral\/\" title=\"Tanatorio del Litoral\">Tanatorio del Litoral<\/a><\/h2><div class=\"portfolio-entry-categories entry-categories wpex-clr\"><a href=\"https:\/\/www.garciafaura.com\/es\/portfolio-category\/edificios-de-servicios\/\" class=\"term-49\">Edificios de Servicios<\/a><\/div><\/div><\/div><\/div><div class=\"portfolio-entry vcex-grid-item entry-has-details span_1_of_3 col col-1 vcex-isotope-entry vcex-no-margin-entry post-27449 entry type-portfolio has-media cat-49 cat-50 cat-51 cat-52 translation_priority-6\"><div class=\"portfolio-entry-inner entry-inner wpex-clr\"><div class=\"portfolio-entry-media entry-media wpex-clr\"><a href=\"https:\/\/www.garciafaura.com\/wp-content\/uploads\/2021\/04\/Edifici-Smart-323-01.jpg\" title=\"Edificio Smart BCN\" class=\"portfolio-entry-media-link wpex-lightbox\"><img loading=\"lazy\" decoding=\"async\" data-no-lazy=\"1\" class=\"portfolio-entry-img skip-lazy\" src=\"https:\/\/www.garciafaura.com\/wp-content\/uploads\/2021\/04\/Edifici-Smart-323-01-600x314.jpg\" alt='' data-no-retina width=\"600\" height=\"314\" \/><\/a><\/div><div class=\"portfolio-entry-details entry-details wpex-clr\"><h2 class=\"portfolio-entry-title entry-title\"><a href=\"https:\/\/www.garciafaura.com\/es\/portfolio-item\/edifici-smart-bcn\/\" title=\"Edificio Smart BCN\">Edificio Smart BCN<\/a><\/h2><div class=\"portfolio-entry-categories entry-categories wpex-clr\"><a href=\"https:\/\/www.garciafaura.com\/es\/portfolio-category\/edificios-de-servicios\/\" class=\"term-49\">Edificios de Servicios<\/a><\/div><\/div><\/div><\/div><div class=\"portfolio-entry vcex-grid-item entry-has-details span_1_of_3 col col-2 vcex-isotope-entry vcex-no-margin-entry post-26298 entry type-portfolio has-media cat-45 cat-48 cat-49 cat-50 translation_priority-6\"><div class=\"portfolio-entry-inner entry-inner wpex-clr\"><div class=\"portfolio-entry-media entry-media wpex-clr\"><a href=\"https:\/\/www.garciafaura.com\/wp-content\/uploads\/2021\/01\/Pediatric-Centre-Sant-Joan-Deu-42.jpg\" title=\"Hospital SJD Pediatric Cancer Center BCN\" class=\"portfolio-entry-media-link wpex-lightbox-gallery\" data-gallery=\"[{&quot;src&quot;:&quot;https:\\\/\\\/www.garciafaura.com\\\/wp-content\\\/uploads\\\/2021\\\/01\\\/Pediatric-Centre-Sant-Joan-Deu-42.jpg&quot;},{&quot;src&quot;:&quot;https:\\\/\\\/www.garciafaura.com\\\/wp-content\\\/uploads\\\/2021\\\/01\\\/Pediatric-Centre-Sant-Joan-Deu-57.jpg&quot;},{&quot;src&quot;:&quot;https:\\\/\\\/www.garciafaura.com\\\/wp-content\\\/uploads\\\/2021\\\/01\\\/Pediatric-Centre-Sant-Joan-Deu-56.jpg&quot;},{&quot;src&quot;:&quot;https:\\\/\\\/www.garciafaura.com\\\/wp-content\\\/uploads\\\/2021\\\/01\\\/Pediatric-Centre-Sant-Joan-Deu-55.jpg&quot;},{&quot;src&quot;:&quot;https:\\\/\\\/www.garciafaura.com\\\/wp-content\\\/uploads\\\/2021\\\/01\\\/Pediatric-Centre-Sant-Joan-Deu-54.jpg&quot;},{&quot;src&quot;:&quot;https:\\\/\\\/www.garciafaura.com\\\/wp-content\\\/uploads\\\/2021\\\/01\\\/Pediatric-Centre-Sant-Joan-Deu-53.jpg&quot;},{&quot;src&quot;:&quot;https:\\\/\\\/www.garciafaura.com\\\/wp-content\\\/uploads\\\/2021\\\/01\\\/Pediatric-Centre-Sant-Joan-Deu-52.jpg&quot;},{&quot;src&quot;:&quot;https:\\\/\\\/www.garciafaura.com\\\/wp-content\\\/uploads\\\/2021\\\/01\\\/Pediatric-Centre-Sant-Joan-Deu-51.jpg&quot;},{&quot;src&quot;:&quot;https:\\\/\\\/www.garciafaura.com\\\/wp-content\\\/uploads\\\/2021\\\/01\\\/Pediatric-Centre-Sant-Joan-Deu-50.jpg&quot;},{&quot;src&quot;:&quot;https:\\\/\\\/www.garciafaura.com\\\/wp-content\\\/uploads\\\/2021\\\/01\\\/Pediatric-Centre-Sant-Joan-Deu-49.jpg&quot;},{&quot;src&quot;:&quot;https:\\\/\\\/www.garciafaura.com\\\/wp-content\\\/uploads\\\/2021\\\/01\\\/Pediatric-Centre-Sant-Joan-Deu-48.jpg&quot;},{&quot;src&quot;:&quot;https:\\\/\\\/www.garciafaura.com\\\/wp-content\\\/uploads\\\/2021\\\/01\\\/Pediatric-Centre-Sant-Joan-Deu-47.jpg&quot;},{&quot;src&quot;:&quot;https:\\\/\\\/www.garciafaura.com\\\/wp-content\\\/uploads\\\/2021\\\/01\\\/Pediatric-Centre-Sant-Joan-Deu-46.jpg&quot;},{&quot;src&quot;:&quot;https:\\\/\\\/www.garciafaura.com\\\/wp-content\\\/uploads\\\/2021\\\/01\\\/Pediatric-Centre-Sant-Joan-Deu-45.jpg&quot;},{&quot;src&quot;:&quot;https:\\\/\\\/www.garciafaura.com\\\/wp-content\\\/uploads\\\/2021\\\/01\\\/Pediatric-Centre-Sant-Joan-Deu-44.jpg&quot;},{&quot;src&quot;:&quot;https:\\\/\\\/www.garciafaura.com\\\/wp-content\\\/uploads\\\/2021\\\/01\\\/Pediatric-Centre-Sant-Joan-Deu-43.jpg&quot;},{&quot;src&quot;:&quot;https:\\\/\\\/www.garciafaura.com\\\/wp-content\\\/uploads\\\/2021\\\/01\\\/Pediatric-Centre-Sant-Joan-Deu-41.jpg&quot;},{&quot;src&quot;:&quot;https:\\\/\\\/www.garciafaura.com\\\/wp-content\\\/uploads\\\/2021\\\/01\\\/Pediatric-Centre-Sant-Joan-Deu-40.jpg&quot;},{&quot;src&quot;:&quot;https:\\\/\\\/www.garciafaura.com\\\/wp-content\\\/uploads\\\/2021\\\/01\\\/Pediatric-Centre-Sant-Joan-Deu-39.jpg&quot;},{&quot;src&quot;:&quot;https:\\\/\\\/www.garciafaura.com\\\/wp-content\\\/uploads\\\/2021\\\/01\\\/Pediatric-Centre-Sant-Joan-Deu-38.jpg&quot;},{&quot;src&quot;:&quot;https:\\\/\\\/www.garciafaura.com\\\/wp-content\\\/uploads\\\/2021\\\/01\\\/Pediatric-Centre-Sant-Joan-Deu-37.jpg&quot;},{&quot;src&quot;:&quot;https:\\\/\\\/www.garciafaura.com\\\/wp-content\\\/uploads\\\/2021\\\/01\\\/Pediatric-Centre-Sant-Joan-Deu-36.jpg&quot;},{&quot;src&quot;:&quot;https:\\\/\\\/www.garciafaura.com\\\/wp-content\\\/uploads\\\/2021\\\/01\\\/Pediatric-Centre-Sant-Joan-Deu-35.jpg&quot;},{&quot;src&quot;:&quot;https:\\\/\\\/www.garciafaura.com\\\/wp-content\\\/uploads\\\/2021\\\/01\\\/Pediatric-Centre-Sant-Joan-Deu-34.jpg&quot;},{&quot;src&quot;:&quot;https:\\\/\\\/www.garciafaura.com\\\/wp-content\\\/uploads\\\/2021\\\/01\\\/Pediatric-Centre-Sant-Joan-Deu-33.jpg&quot;},{&quot;src&quot;:&quot;https:\\\/\\\/www.garciafaura.com\\\/wp-content\\\/uploads\\\/2021\\\/01\\\/Pediatric-Centre-Sant-Joan-Deu-32.jpg&quot;},{&quot;src&quot;:&quot;https:\\\/\\\/www.garciafaura.com\\\/wp-content\\\/uploads\\\/2021\\\/01\\\/Pediatric-Centre-Sant-Joan-Deu-31.jpg&quot;},{&quot;src&quot;:&quot;https:\\\/\\\/www.garciafaura.com\\\/wp-content\\\/uploads\\\/2021\\\/01\\\/Pediatric-Centre-Sant-Joan-Deu-30.jpg&quot;},{&quot;src&quot;:&quot;https:\\\/\\\/www.garciafaura.com\\\/wp-content\\\/uploads\\\/2021\\\/01\\\/Pediatric-Centre-Sant-Joan-Deu-29.jpg&quot;},{&quot;src&quot;:&quot;https:\\\/\\\/www.garciafaura.com\\\/wp-content\\\/uploads\\\/2021\\\/01\\\/Pediatric-Centre-Sant-Joan-Deu-28.jpg&quot;},{&quot;src&quot;:&quot;https:\\\/\\\/www.garciafaura.com\\\/wp-content\\\/uploads\\\/2021\\\/01\\\/Pediatric-Centre-Sant-Joan-Deu-27.jpg&quot;},{&quot;src&quot;:&quot;https:\\\/\\\/www.garciafaura.com\\\/wp-content\\\/uploads\\\/2021\\\/01\\\/Pediatric-Centre-Sant-Joan-Deu-26.jpg&quot;},{&quot;src&quot;:&quot;https:\\\/\\\/www.garciafaura.com\\\/wp-content\\\/uploads\\\/2021\\\/01\\\/Pediatric-Centre-Sant-Joan-Deu-25.jpg&quot;},{&quot;src&quot;:&quot;https:\\\/\\\/www.garciafaura.com\\\/wp-content\\\/uploads\\\/2021\\\/01\\\/Pediatric-Centre-Sant-Joan-Deu-24.jpg&quot;},{&quot;src&quot;:&quot;https:\\\/\\\/www.garciafaura.com\\\/wp-content\\\/uploads\\\/2021\\\/01\\\/Pediatric-Centre-Sant-Joan-Deu-23.jpg&quot;},{&quot;src&quot;:&quot;https:\\\/\\\/www.garciafaura.com\\\/wp-content\\\/uploads\\\/2021\\\/01\\\/Pediatric-Centre-Sant-Joan-Deu-22.jpg&quot;},{&quot;src&quot;:&quot;https:\\\/\\\/www.garciafaura.com\\\/wp-content\\\/uploads\\\/2021\\\/01\\\/Pediatric-Centre-Sant-Joan-Deu-21.jpg&quot;},{&quot;src&quot;:&quot;https:\\\/\\\/www.garciafaura.com\\\/wp-content\\\/uploads\\\/2021\\\/01\\\/Pediatric-Centre-Sant-Joan-Deu-20.jpg&quot;},{&quot;src&quot;:&quot;https:\\\/\\\/www.garciafaura.com\\\/wp-content\\\/uploads\\\/2021\\\/01\\\/Pediatric-Centre-Sant-Joan-Deu-19.jpg&quot;},{&quot;src&quot;:&quot;https:\\\/\\\/www.garciafaura.com\\\/wp-content\\\/uploads\\\/2021\\\/01\\\/Pediatric-Centre-Sant-Joan-Deu-18.jpg&quot;},{&quot;src&quot;:&quot;https:\\\/\\\/www.garciafaura.com\\\/wp-content\\\/uploads\\\/2021\\\/01\\\/Pediatric-Centre-Sant-Joan-Deu-17.jpg&quot;},{&quot;src&quot;:&quot;https:\\\/\\\/www.garciafaura.com\\\/wp-content\\\/uploads\\\/2021\\\/01\\\/Pediatric-Centre-Sant-Joan-Deu-16.jpg&quot;},{&quot;src&quot;:&quot;https:\\\/\\\/www.garciafaura.com\\\/wp-content\\\/uploads\\\/2021\\\/01\\\/Pediatric-Centre-Sant-Joan-Deu-15.jpg&quot;},{&quot;src&quot;:&quot;https:\\\/\\\/www.garciafaura.com\\\/wp-content\\\/uploads\\\/2021\\\/01\\\/Pediatric-Centre-Sant-Joan-Deu-14.jpg&quot;},{&quot;src&quot;:&quot;https:\\\/\\\/www.garciafaura.com\\\/wp-content\\\/uploads\\\/2021\\\/01\\\/Pediatric-Centre-Sant-Joan-Deu-13.jpg&quot;},{&quot;src&quot;:&quot;https:\\\/\\\/www.garciafaura.com\\\/wp-content\\\/uploads\\\/2021\\\/01\\\/Pediatric-Centre-Sant-Joan-Deu-12.jpg&quot;},{&quot;src&quot;:&quot;https:\\\/\\\/www.garciafaura.com\\\/wp-content\\\/uploads\\\/2021\\\/01\\\/Pediatric-Centre-Sant-Joan-Deu-11.jpg&quot;},{&quot;src&quot;:&quot;https:\\\/\\\/www.garciafaura.com\\\/wp-content\\\/uploads\\\/2021\\\/01\\\/Pediatric-Centre-Sant-Joan-Deu-10.jpg&quot;},{&quot;src&quot;:&quot;https:\\\/\\\/www.garciafaura.com\\\/wp-content\\\/uploads\\\/2021\\\/01\\\/Pediatric-Centre-Sant-Joan-Deu-09.jpg&quot;},{&quot;src&quot;:&quot;https:\\\/\\\/www.garciafaura.com\\\/wp-content\\\/uploads\\\/2021\\\/01\\\/Pediatric-Centre-Sant-Joan-Deu-08.jpg&quot;},{&quot;src&quot;:&quot;https:\\\/\\\/www.garciafaura.com\\\/wp-content\\\/uploads\\\/2021\\\/01\\\/Pediatric-Centre-Sant-Joan-Deu-07.jpg&quot;},{&quot;src&quot;:&quot;https:\\\/\\\/www.garciafaura.com\\\/wp-content\\\/uploads\\\/2021\\\/01\\\/Pediatric-Centre-Sant-Joan-Deu-06.jpg&quot;},{&quot;src&quot;:&quot;https:\\\/\\\/www.garciafaura.com\\\/wp-content\\\/uploads\\\/2021\\\/01\\\/Pediatric-Centre-Sant-Joan-Deu-05.jpg&quot;},{&quot;src&quot;:&quot;https:\\\/\\\/www.garciafaura.com\\\/wp-content\\\/uploads\\\/2021\\\/01\\\/Pediatric-Centre-Sant-Joan-Deu-04.jpg&quot;},{&quot;src&quot;:&quot;https:\\\/\\\/www.garciafaura.com\\\/wp-content\\\/uploads\\\/2021\\\/01\\\/Pediatric-Centre-Sant-Joan-Deu-03.jpg&quot;},{&quot;src&quot;:&quot;https:\\\/\\\/www.garciafaura.com\\\/wp-content\\\/uploads\\\/2021\\\/01\\\/Pediatric-Centre-Sant-Joan-Deu-02.jpg&quot;},{&quot;src&quot;:&quot;https:\\\/\\\/www.garciafaura.com\\\/wp-content\\\/uploads\\\/2021\\\/01\\\/Pediatric-Centre-Sant-Joan-Deu-01.jpg&quot;}]\"><img loading=\"lazy\" decoding=\"async\" data-no-lazy=\"1\" class=\"portfolio-entry-img skip-lazy\" src=\"https:\/\/www.garciafaura.com\/wp-content\/uploads\/2021\/01\/Pediatric-Centre-Sant-Joan-Deu-42-600x314.jpg\" alt='' data-no-retina width=\"600\" height=\"314\" \/><\/a><\/div><div class=\"portfolio-entry-details entry-details wpex-clr\"><h2 class=\"portfolio-entry-title entry-title\"><a href=\"https:\/\/www.garciafaura.com\/es\/portfolio-item\/hospital-sjd-pediatric-cancer-center-de-barcelona\/\" title=\"Hospital SJD Pediatric Cancer Center BCN\">Hospital SJD Pediatric Cancer Center BCN<\/a><\/h2><div class=\"portfolio-entry-categories entry-categories wpex-clr\"><a href=\"https:\/\/www.garciafaura.com\/es\/portfolio-category\/edificios-de-servicios\/\" class=\"term-49\">Edificios de Servicios<\/a><\/div><\/div><\/div><\/div><div class=\"portfolio-entry vcex-grid-item entry-has-details span_1_of_3 col col-3 vcex-isotope-entry vcex-no-margin-entry post-26264 entry type-portfolio has-media cat-49 translation_priority-6\"><div class=\"portfolio-entry-inner entry-inner wpex-clr\"><div class=\"portfolio-entry-media entry-media wpex-clr\"><a href=\"https:\/\/www.garciafaura.com\/wp-content\/uploads\/2021\/01\/Ampliacio-Hospital-Viladecans-05.jpg\" title=\"Ampliaci\u00f3n Hospital de Viladecans\" class=\"portfolio-entry-media-link wpex-lightbox-gallery\" data-gallery=\"[{&quot;src&quot;:&quot;https:\\\/\\\/www.garciafaura.com\\\/wp-content\\\/uploads\\\/2021\\\/01\\\/Ampliacio-Hospital-Viladecans-05.jpg&quot;},{&quot;src&quot;:&quot;https:\\\/\\\/www.garciafaura.com\\\/wp-content\\\/uploads\\\/2021\\\/01\\\/Ampliacio-Hospital-Viladecans-15.jpg&quot;},{&quot;src&quot;:&quot;https:\\\/\\\/www.garciafaura.com\\\/wp-content\\\/uploads\\\/2021\\\/01\\\/Ampliacio-Hospital-Viladecans-14.jpg&quot;},{&quot;src&quot;:&quot;https:\\\/\\\/www.garciafaura.com\\\/wp-content\\\/uploads\\\/2021\\\/01\\\/Ampliacio-Hospital-Viladecans-13.jpg&quot;},{&quot;src&quot;:&quot;https:\\\/\\\/www.garciafaura.com\\\/wp-content\\\/uploads\\\/2021\\\/01\\\/Ampliacio-Hospital-Viladecans-12.jpg&quot;},{&quot;src&quot;:&quot;https:\\\/\\\/www.garciafaura.com\\\/wp-content\\\/uploads\\\/2021\\\/01\\\/Ampliacio-Hospital-Viladecans-11.jpg&quot;},{&quot;src&quot;:&quot;https:\\\/\\\/www.garciafaura.com\\\/wp-content\\\/uploads\\\/2021\\\/01\\\/Ampliacio-Hospital-Viladecans-10.jpg&quot;},{&quot;src&quot;:&quot;https:\\\/\\\/www.garciafaura.com\\\/wp-content\\\/uploads\\\/2021\\\/01\\\/Ampliacio-Hospital-Viladecans-09.jpg&quot;},{&quot;src&quot;:&quot;https:\\\/\\\/www.garciafaura.com\\\/wp-content\\\/uploads\\\/2021\\\/01\\\/Ampliacio-Hospital-Viladecans-08.jpg&quot;},{&quot;src&quot;:&quot;https:\\\/\\\/www.garciafaura.com\\\/wp-content\\\/uploads\\\/2021\\\/01\\\/Ampliacio-Hospital-Viladecans-07.jpg&quot;},{&quot;src&quot;:&quot;https:\\\/\\\/www.garciafaura.com\\\/wp-content\\\/uploads\\\/2021\\\/01\\\/Ampliacio-Hospital-Viladecans-06.jpg&quot;},{&quot;src&quot;:&quot;https:\\\/\\\/www.garciafaura.com\\\/wp-content\\\/uploads\\\/2021\\\/01\\\/Ampliacio-Hospital-Viladecans-04.jpg&quot;},{&quot;src&quot;:&quot;https:\\\/\\\/www.garciafaura.com\\\/wp-content\\\/uploads\\\/2021\\\/01\\\/Ampliacio-Hospital-Viladecans-03.jpg&quot;},{&quot;src&quot;:&quot;https:\\\/\\\/www.garciafaura.com\\\/wp-content\\\/uploads\\\/2021\\\/01\\\/Ampliacio-Hospital-Viladecans-02.jpg&quot;},{&quot;src&quot;:&quot;https:\\\/\\\/www.garciafaura.com\\\/wp-content\\\/uploads\\\/2021\\\/01\\\/Ampliacio-Hospital-Viladecans-01.jpg&quot;}]\"><img loading=\"lazy\" decoding=\"async\" data-no-lazy=\"1\" class=\"portfolio-entry-img skip-lazy\" src=\"https:\/\/www.garciafaura.com\/wp-content\/uploads\/2021\/01\/Ampliacio-Hospital-Viladecans-05-600x314.jpg\" alt='' data-no-retina width=\"600\" height=\"314\" \/><\/a><\/div><div class=\"portfolio-entry-details entry-details wpex-clr\"><h2 class=\"portfolio-entry-title entry-title\"><a href=\"https:\/\/www.garciafaura.com\/es\/portfolio-item\/ampliacion-hospital-de-viladecans\/\" title=\"Ampliaci\u00f3n Hospital de Viladecans\">Ampliaci\u00f3n Hospital de Viladecans<\/a><\/h2><div class=\"portfolio-entry-categories entry-categories wpex-clr\"><a href=\"https:\/\/www.garciafaura.com\/es\/portfolio-category\/edificios-de-servicios\/\" class=\"term-49\">Edificios de Servicios<\/a><\/div><\/div><\/div><\/div><div class=\"portfolio-entry vcex-grid-item entry-has-details span_1_of_3 col col-1 vcex-isotope-entry vcex-no-margin-entry post-23906 entry type-portfolio has-media cat-49 cat-58 translation_priority-6\"><div class=\"portfolio-entry-inner entry-inner wpex-clr\"><div class=\"portfolio-entry-media entry-media wpex-clr\"><a href=\"https:\/\/www.garciafaura.com\/wp-content\/uploads\/2019\/10\/Ins-Marti-Pons-01.jpg\" title=\"Instituto Mart\u00ed Pous\" class=\"portfolio-entry-media-link wpex-lightbox-gallery\" data-gallery=\"[{&quot;src&quot;:&quot;https:\\\/\\\/www.garciafaura.com\\\/wp-content\\\/uploads\\\/2019\\\/10\\\/Ins-Marti-Pons-01.jpg&quot;,&quot;title&quot;:&quot;Rehabilitaci\\u00f3n de antiguo edificio industrial para transformarlo en un nuevo equipamiento educativo en el conjunto de la antigua f\\u00e1brica Fabra i Coats del barrio de Sant Andreu de Barcelona.&quot;},{&quot;src&quot;:&quot;https:\\\/\\\/www.garciafaura.com\\\/wp-content\\\/uploads\\\/2019\\\/10\\\/Ins-Marti-Pons-13.jpg&quot;,&quot;title&quot;:&quot;Rehabilitaci\\u00f3n de antiguo edificio industrial para transformarlo en un nuevo equipamiento educativo en el conjunto de la antigua f\\u00e1brica Fabra i Coats del barrio de Sant Andreu de Barcelona.&quot;},{&quot;src&quot;:&quot;https:\\\/\\\/www.garciafaura.com\\\/wp-content\\\/uploads\\\/2019\\\/10\\\/Ins-Marti-Pons-12.jpg&quot;,&quot;title&quot;:&quot;Rehabilitaci\\u00f3n de antiguo edificio industrial para transformarlo en un nuevo equipamiento educativo en el conjunto de la antigua f\\u00e1brica Fabra i Coats del barrio de Sant Andreu de Barcelona.&quot;},{&quot;src&quot;:&quot;https:\\\/\\\/www.garciafaura.com\\\/wp-content\\\/uploads\\\/2019\\\/10\\\/Ins-Marti-Pons-11.jpg&quot;,&quot;title&quot;:&quot;Rehabilitaci\\u00f3n de antiguo edificio industrial para transformarlo en un nuevo equipamiento educativo en el conjunto de la antigua f\\u00e1brica Fabra i Coats del barrio de Sant Andreu de Barcelona.&quot;},{&quot;src&quot;:&quot;https:\\\/\\\/www.garciafaura.com\\\/wp-content\\\/uploads\\\/2019\\\/10\\\/Ins-Marti-Pons-10.jpg&quot;,&quot;title&quot;:&quot;Rehabilitaci\\u00f3n de antiguo edificio industrial para transformarlo en un nuevo equipamiento educativo en el conjunto de la antigua f\\u00e1brica Fabra i Coats del barrio de Sant Andreu de Barcelona.&quot;},{&quot;src&quot;:&quot;https:\\\/\\\/www.garciafaura.com\\\/wp-content\\\/uploads\\\/2019\\\/10\\\/Ins-Marti-Pons-09.jpg&quot;,&quot;title&quot;:&quot;Rehabilitaci\\u00f3n de antiguo edificio industrial para transformarlo en un nuevo equipamiento educativo en el conjunto de la antigua f\\u00e1brica Fabra i Coats del barrio de Sant Andreu de Barcelona.&quot;},{&quot;src&quot;:&quot;https:\\\/\\\/www.garciafaura.com\\\/wp-content\\\/uploads\\\/2019\\\/10\\\/Ins-Marti-Pons-08.jpg&quot;,&quot;title&quot;:&quot;Rehabilitaci\\u00f3n de antiguo edificio industrial para transformarlo en un nuevo equipamiento educativo en el conjunto de la antigua f\\u00e1brica Fabra i Coats del barrio de Sant Andreu de Barcelona.&quot;},{&quot;src&quot;:&quot;https:\\\/\\\/www.garciafaura.com\\\/wp-content\\\/uploads\\\/2019\\\/10\\\/Ins-Marti-Pons-07.jpg&quot;,&quot;title&quot;:&quot;Rehabilitaci\\u00f3n de antiguo edificio industrial para transformarlo en un nuevo equipamiento educativo en el conjunto de la antigua f\\u00e1brica Fabra i Coats del barrio de Sant Andreu de Barcelona.&quot;},{&quot;src&quot;:&quot;https:\\\/\\\/www.garciafaura.com\\\/wp-content\\\/uploads\\\/2019\\\/10\\\/Ins-Marti-Pons-06.jpg&quot;,&quot;title&quot;:&quot;Rehabilitaci\\u00f3n de antiguo edificio industrial para transformarlo en un nuevo equipamiento educativo en el conjunto de la antigua f\\u00e1brica Fabra i Coats del barrio de Sant Andreu de Barcelona.&quot;},{&quot;src&quot;:&quot;https:\\\/\\\/www.garciafaura.com\\\/wp-content\\\/uploads\\\/2019\\\/10\\\/Ins-Marti-Pons-05.jpg&quot;,&quot;title&quot;:&quot;Rehabilitaci\\u00f3n de antiguo edificio industrial para transformarlo en un nuevo equipamiento educativo en el conjunto de la antigua f\\u00e1brica Fabra i Coats del barrio de Sant Andreu de Barcelona.&quot;},{&quot;src&quot;:&quot;https:\\\/\\\/www.garciafaura.com\\\/wp-content\\\/uploads\\\/2019\\\/10\\\/Ins-Marti-Pons-04.jpg&quot;,&quot;title&quot;:&quot;Rehabilitaci\\u00f3n de antiguo edificio industrial para transformarlo en un nuevo equipamiento educativo en el conjunto de la antigua f\\u00e1brica Fabra i Coats del barrio de Sant Andreu de Barcelona.&quot;},{&quot;src&quot;:&quot;https:\\\/\\\/www.garciafaura.com\\\/wp-content\\\/uploads\\\/2019\\\/10\\\/Ins-Marti-Pons-03.jpg&quot;,&quot;title&quot;:&quot;Rehabilitaci\\u00f3n de antiguo edificio industrial para transformarlo en un nuevo equipamiento educativo en el conjunto de la antigua f\\u00e1brica Fabra i Coats del barrio de Sant Andreu de Barcelona.&quot;},{&quot;src&quot;:&quot;https:\\\/\\\/www.garciafaura.com\\\/wp-content\\\/uploads\\\/2019\\\/10\\\/Ins-Marti-Pons-02.jpg&quot;,&quot;title&quot;:&quot;Rehabilitaci\\u00f3n de antiguo edificio industrial para transformarlo en un nuevo equipamiento educativo en el conjunto de la antigua f\\u00e1brica Fabra i Coats del barrio de Sant Andreu de Barcelona.&quot;}]\"><img loading=\"lazy\" decoding=\"async\" data-no-lazy=\"1\" class=\"portfolio-entry-img skip-lazy\" src=\"https:\/\/www.garciafaura.com\/wp-content\/uploads\/2019\/10\/Ins-Marti-Pons-01-600x314.jpg\" alt=\"Rehabilitaci\u00f3n De Antiguo Edificio Industrial Para Transformarlo En Un Nuevo Equipamiento Educativo En El Conjunto De La Antigua F\u00e1brica Fabra I Coats Del Barrio De Sant Andreu De Barcelona.\" data-no-retina width=\"600\" height=\"314\" \/><\/a><\/div><div class=\"portfolio-entry-details entry-details wpex-clr\"><h2 class=\"portfolio-entry-title entry-title\"><a href=\"https:\/\/www.garciafaura.com\/es\/portfolio-item\/instituto-marti-pous\/\" title=\"Instituto Mart\u00ed Pous\">Instituto Mart\u00ed Pous<\/a><\/h2><div class=\"portfolio-entry-categories entry-categories wpex-clr\"><a href=\"https:\/\/www.garciafaura.com\/es\/portfolio-category\/edificios-de-servicios\/\" class=\"term-49\">Edificios de Servicios<\/a><\/div><\/div><\/div><\/div><div class=\"portfolio-entry vcex-grid-item entry-has-details span_1_of_3 col col-2 vcex-isotope-entry vcex-no-margin-entry post-22977 entry type-portfolio has-media cat-49 translation_priority-6\"><div class=\"portfolio-entry-inner entry-inner wpex-clr\"><div class=\"portfolio-entry-media entry-media wpex-clr\"><a href=\"https:\/\/www.garciafaura.com\/wp-content\/uploads\/2019\/09\/Residencia-estudiants-Garbi-01.jpg\" title=\"Residencia de estudiantes Garb\u00ed\" class=\"portfolio-entry-media-link wpex-lightbox-gallery\" data-gallery=\"[{&quot;src&quot;:&quot;https:\\\/\\\/www.garciafaura.com\\\/wp-content\\\/uploads\\\/2019\\\/09\\\/Residencia-estudiants-Garbi-01.jpg&quot;,&quot;title&quot;:&quot;Cerramientos de aluminio y vidrio para edificio destinado a residencia de estudiantes en Barcelona&quot;},{&quot;src&quot;:&quot;https:\\\/\\\/www.garciafaura.com\\\/wp-content\\\/uploads\\\/2019\\\/09\\\/Residencia-estudiants-Garbi-12.jpg&quot;,&quot;title&quot;:&quot;Rancaments d&#039;alumini i vidrieria per a edifici destinat a resid\\u00e8ncia d&#039;estudiants a Barcelona&quot;},{&quot;src&quot;:&quot;https:\\\/\\\/www.garciafaura.com\\\/wp-content\\\/uploads\\\/2019\\\/09\\\/Residencia-estudiants-Garbi-11.jpg&quot;,&quot;title&quot;:&quot;Rancaments d&#039;alumini i vidrieria per a edifici destinat a resid\\u00e8ncia d&#039;estudiants a Barcelona&quot;},{&quot;src&quot;:&quot;https:\\\/\\\/www.garciafaura.com\\\/wp-content\\\/uploads\\\/2019\\\/09\\\/Residencia-estudiants-Garbi-10.jpg&quot;,&quot;title&quot;:&quot;Rancaments d&#039;alumini i vidrieria per a edifici destinat a resid\\u00e8ncia d&#039;estudiants a Barcelona&quot;},{&quot;src&quot;:&quot;https:\\\/\\\/www.garciafaura.com\\\/wp-content\\\/uploads\\\/2019\\\/09\\\/Residencia-estudiants-Garbi-09.jpg&quot;,&quot;title&quot;:&quot;Rancaments d&#039;alumini i vidrieria per a edifici destinat a resid\\u00e8ncia d&#039;estudiants a Barcelona&quot;},{&quot;src&quot;:&quot;https:\\\/\\\/www.garciafaura.com\\\/wp-content\\\/uploads\\\/2019\\\/09\\\/Residencia-estudiants-Garbi-08.jpg&quot;,&quot;title&quot;:&quot;Rancaments d&#039;alumini i vidrieria per a edifici destinat a resid\\u00e8ncia d&#039;estudiants a Barcelona&quot;},{&quot;src&quot;:&quot;https:\\\/\\\/www.garciafaura.com\\\/wp-content\\\/uploads\\\/2019\\\/09\\\/Residencia-estudiants-Garbi-07.jpg&quot;,&quot;title&quot;:&quot;Rancaments d&#039;alumini i vidrieria per a edifici destinat a resid\\u00e8ncia d&#039;estudiants a Barcelona&quot;},{&quot;src&quot;:&quot;https:\\\/\\\/www.garciafaura.com\\\/wp-content\\\/uploads\\\/2019\\\/09\\\/Residencia-estudiants-Garbi-06.jpg&quot;,&quot;title&quot;:&quot;Rancaments d&#039;alumini i vidrieria per a edifici destinat a resid\\u00e8ncia d&#039;estudiants a Barcelona&quot;},{&quot;src&quot;:&quot;https:\\\/\\\/www.garciafaura.com\\\/wp-content\\\/uploads\\\/2019\\\/09\\\/Residencia-estudiants-Garbi-05.jpg&quot;,&quot;title&quot;:&quot;Rancaments d&#039;alumini i vidrieria per a edifici destinat a resid\\u00e8ncia d&#039;estudiants a Barcelona&quot;},{&quot;src&quot;:&quot;https:\\\/\\\/www.garciafaura.com\\\/wp-content\\\/uploads\\\/2019\\\/09\\\/Residencia-estudiants-Garbi-04.jpg&quot;,&quot;title&quot;:&quot;Rancaments d&#039;alumini i vidrieria per a edifici destinat a resid\\u00e8ncia d&#039;estudiants a Barcelona&quot;},{&quot;src&quot;:&quot;https:\\\/\\\/www.garciafaura.com\\\/wp-content\\\/uploads\\\/2019\\\/09\\\/Residencia-estudiants-Garbi-03.jpg&quot;,&quot;title&quot;:&quot;Rancaments d&#039;alumini i vidrieria per a edifici destinat a resid\\u00e8ncia d&#039;estudiants a Barcelona&quot;},{&quot;src&quot;:&quot;https:\\\/\\\/www.garciafaura.com\\\/wp-content\\\/uploads\\\/2019\\\/09\\\/Residencia-estudiants-Garbi-02.jpg&quot;,&quot;title&quot;:&quot;Rancaments d&#039;alumini i vidrieria per a edifici destinat a resid\\u00e8ncia d&#039;estudiants a Barcelona&quot;}]\"><img loading=\"lazy\" decoding=\"async\" data-no-lazy=\"1\" class=\"portfolio-entry-img skip-lazy\" src=\"https:\/\/www.garciafaura.com\/wp-content\/uploads\/2019\/09\/Residencia-estudiants-Garbi-01-600x314.jpg\" alt=\"Cerramientos De Aluminio Y Vidrio Para Edificio Destinado A Residencia De Estudiantes En Barcelona\" data-no-retina width=\"600\" height=\"314\" \/><\/a><\/div><div class=\"portfolio-entry-details entry-details wpex-clr\"><h2 class=\"portfolio-entry-title entry-title\"><a href=\"https:\/\/www.garciafaura.com\/es\/portfolio-item\/residencia-de-estudiantes-garbi\/\" title=\"Residencia de estudiantes Garb\u00ed\">Residencia de estudiantes Garb\u00ed<\/a><\/h2><div class=\"portfolio-entry-categories entry-categories wpex-clr\"><a href=\"https:\/\/www.garciafaura.com\/es\/portfolio-category\/edificios-de-servicios\/\" class=\"term-49\">Edificios de Servicios<\/a><\/div><\/div><\/div><\/div><div class=\"portfolio-entry vcex-grid-item entry-has-details span_1_of_3 col col-3 vcex-isotope-entry vcex-no-margin-entry post-22866 entry type-portfolio has-media cat-49 cat-51 translation_priority-6\"><div class=\"portfolio-entry-inner entry-inner wpex-clr\"><div class=\"portfolio-entry-media entry-media wpex-clr\"><a href=\"https:\/\/www.garciafaura.com\/wp-content\/uploads\/2019\/09\/Poliesportiu-Turo-Peira-01.jpg\" title=\"Polideportivo Tur\u00f3 de la Peira\" class=\"portfolio-entry-media-link wpex-lightbox-gallery\" data-gallery=\"[{&quot;src&quot;:&quot;https:\\\/\\\/www.garciafaura.com\\\/wp-content\\\/uploads\\\/2019\\\/09\\\/Poliesportiu-Turo-Peira-01.jpg&quot;,&quot;title&quot;:&quot;Desarrollo de fachada y cerramientos met\\u00e1licos para este nuevo equipamiento deportivo de Barcelona, que incorpora numerosos elementos que favorecen su eficiencia energ\\u00e9tica.&quot;},{&quot;src&quot;:&quot;https:\\\/\\\/www.garciafaura.com\\\/wp-content\\\/uploads\\\/2019\\\/09\\\/Poliesportiu-Turo-Peira-12.jpg&quot;,&quot;title&quot;:&quot;Desenvolupament de fa\\u00e7ana i tancaments met\\u00e0l\\u00b7lics per a aquest nou equipament esportiu de Barcelona, que incorpora nombrosos elements que afavoreixen la seva efici\\u00e8ncia energ\\u00e8tica&quot;},{&quot;src&quot;:&quot;https:\\\/\\\/www.garciafaura.com\\\/wp-content\\\/uploads\\\/2019\\\/09\\\/Poliesportiu-Turo-Peira-11.jpg&quot;,&quot;title&quot;:&quot;Desarrollo de fachada y cerramientos met\\u00e1licos para este nuevo equipamiento deportivo de Barcelona, que incorpora numerosos elementos que favorecen su eficiencia energ\\u00e9tica.&quot;},{&quot;src&quot;:&quot;https:\\\/\\\/www.garciafaura.com\\\/wp-content\\\/uploads\\\/2019\\\/09\\\/Poliesportiu-Turo-Peira-10.jpg&quot;,&quot;title&quot;:&quot;Desarrollo de fachada y cerramientos met\\u00e1licos para este nuevo equipamiento deportivo de Barcelona, que incorpora numerosos elementos que favorecen su eficiencia energ\\u00e9tica.&quot;},{&quot;src&quot;:&quot;https:\\\/\\\/www.garciafaura.com\\\/wp-content\\\/uploads\\\/2019\\\/09\\\/Poliesportiu-Turo-Peira-09.jpg&quot;,&quot;title&quot;:&quot;Desarrollo de fachada y cerramientos met\\u00e1licos para este nuevo equipamiento deportivo de Barcelona, que incorpora numerosos elementos que favorecen su eficiencia energ\\u00e9tica.&quot;},{&quot;src&quot;:&quot;https:\\\/\\\/www.garciafaura.com\\\/wp-content\\\/uploads\\\/2019\\\/09\\\/Poliesportiu-Turo-Peira-08.jpg&quot;,&quot;title&quot;:&quot;Desarrollo de fachada y cerramientos met\\u00e1licos para este nuevo equipamiento deportivo de Barcelona, que incorpora numerosos elementos que favorecen su eficiencia energ\\u00e9tica.&quot;},{&quot;src&quot;:&quot;https:\\\/\\\/www.garciafaura.com\\\/wp-content\\\/uploads\\\/2019\\\/09\\\/Poliesportiu-Turo-Peira-07.jpg&quot;,&quot;title&quot;:&quot;Desarrollo de fachada y cerramientos met\\u00e1licos para este nuevo equipamiento deportivo de Barcelona, que incorpora numerosos elementos que favorecen su eficiencia energ\\u00e9tica.&quot;},{&quot;src&quot;:&quot;https:\\\/\\\/www.garciafaura.com\\\/wp-content\\\/uploads\\\/2019\\\/09\\\/Poliesportiu-Turo-Peira-06.jpg&quot;,&quot;title&quot;:&quot;Desarrollo de fachada y cerramientos met\\u00e1licos para este nuevo equipamiento deportivo de Barcelona, que incorpora numerosos elementos que favorecen su eficiencia energ\\u00e9tica.&quot;},{&quot;src&quot;:&quot;https:\\\/\\\/www.garciafaura.com\\\/wp-content\\\/uploads\\\/2019\\\/09\\\/Poliesportiu-Turo-Peira-05.jpg&quot;,&quot;title&quot;:&quot;Desarrollo de fachada y cerramientos met\\u00e1licos para este nuevo equipamiento deportivo de Barcelona, que incorpora numerosos elementos que favorecen su eficiencia energ\\u00e9tica.&quot;},{&quot;src&quot;:&quot;https:\\\/\\\/www.garciafaura.com\\\/wp-content\\\/uploads\\\/2019\\\/09\\\/Poliesportiu-Turo-Peira-04.jpg&quot;,&quot;title&quot;:&quot;Desarrollo de fachada y cerramientos met\\u00e1licos para este nuevo equipamiento deportivo de Barcelona, que incorpora numerosos elementos que favorecen su eficiencia energ\\u00e9tica.&quot;},{&quot;src&quot;:&quot;https:\\\/\\\/www.garciafaura.com\\\/wp-content\\\/uploads\\\/2019\\\/09\\\/Poliesportiu-Turo-Peira-03.jpg&quot;,&quot;title&quot;:&quot;Desarrollo de fachada y cerramientos met\\u00e1licos para este nuevo equipamiento deportivo de Barcelona, que incorpora numerosos elementos que favorecen su eficiencia energ\\u00e9tica.&quot;},{&quot;src&quot;:&quot;https:\\\/\\\/www.garciafaura.com\\\/wp-content\\\/uploads\\\/2019\\\/09\\\/Poliesportiu-Turo-Peira-02.jpg&quot;,&quot;title&quot;:&quot;Desarrollo de fachada y cerramientos met\\u00e1licos para este nuevo equipamiento deportivo de Barcelona, que incorpora numerosos elementos que favorecen su eficiencia energ\\u00e9tica.&quot;}]\"><img loading=\"lazy\" decoding=\"async\" data-no-lazy=\"1\" class=\"portfolio-entry-img skip-lazy\" src=\"https:\/\/www.garciafaura.com\/wp-content\/uploads\/2019\/09\/Poliesportiu-Turo-Peira-01-600x314.jpg\" alt=\"Desarrollo De Fachada Y Cerramientos Met\u00e1licos Para Este Nuevo Equipamiento Deportivo De Barcelona, Que Incorpora Numerosos Elementos Que Favorecen Su Eficiencia Energ\u00e9tica.\" data-no-retina width=\"600\" height=\"314\" \/><\/a><\/div><div class=\"portfolio-entry-details entry-details wpex-clr\"><h2 class=\"portfolio-entry-title entry-title\"><a href=\"https:\/\/www.garciafaura.com\/es\/portfolio-item\/polideportivo-turo-de-la-peira\/\" title=\"Polideportivo Tur\u00f3 de la Peira\">Polideportivo Tur\u00f3 de la Peira<\/a><\/h2><div class=\"portfolio-entry-categories entry-categories wpex-clr\"><a href=\"https:\/\/www.garciafaura.com\/es\/portfolio-category\/edificios-de-servicios\/\" class=\"term-49\">Edificios de Servicios<\/a><\/div><\/div><\/div><\/div><div class=\"portfolio-entry vcex-grid-item entry-has-details span_1_of_3 col col-1 vcex-isotope-entry vcex-no-margin-entry post-19314 entry type-portfolio has-media cat-49 cat-50 cat-51 cat-52 cat-55 cat-56 cat-58 cat-59 translation_priority-6\"><div class=\"portfolio-entry-inner entry-inner wpex-clr\"><div class=\"portfolio-entry-media entry-media wpex-clr\"><a href=\"https:\/\/www.garciafaura.com\/wp-content\/uploads\/2022\/06\/Morland01.jpg\" title=\"Proyecto Morland\" class=\"portfolio-entry-media-link wpex-lightbox-gallery\" data-gallery=\"[{&quot;src&quot;:&quot;https:\\\/\\\/www.garciafaura.com\\\/wp-content\\\/uploads\\\/2022\\\/06\\\/Morland01.jpg&quot;},{&quot;src&quot;:&quot;https:\\\/\\\/www.garciafaura.com\\\/wp-content\\\/uploads\\\/2022\\\/06\\\/Morland02.jpg&quot;},{&quot;src&quot;:&quot;https:\\\/\\\/www.garciafaura.com\\\/wp-content\\\/uploads\\\/2022\\\/06\\\/Morland03.jpg&quot;},{&quot;src&quot;:&quot;https:\\\/\\\/www.garciafaura.com\\\/wp-content\\\/uploads\\\/2022\\\/06\\\/Morland04.jpg&quot;},{&quot;src&quot;:&quot;https:\\\/\\\/www.garciafaura.com\\\/wp-content\\\/uploads\\\/2022\\\/06\\\/Morland05.jpg&quot;},{&quot;src&quot;:&quot;https:\\\/\\\/www.garciafaura.com\\\/wp-content\\\/uploads\\\/2022\\\/06\\\/Morland06.jpg&quot;},{&quot;src&quot;:&quot;https:\\\/\\\/www.garciafaura.com\\\/wp-content\\\/uploads\\\/2022\\\/06\\\/Morland07.jpg&quot;},{&quot;src&quot;:&quot;https:\\\/\\\/www.garciafaura.com\\\/wp-content\\\/uploads\\\/2022\\\/06\\\/Morland09.jpg&quot;},{&quot;src&quot;:&quot;https:\\\/\\\/www.garciafaura.com\\\/wp-content\\\/uploads\\\/2022\\\/06\\\/Morland08.jpg&quot;},{&quot;src&quot;:&quot;https:\\\/\\\/www.garciafaura.com\\\/wp-content\\\/uploads\\\/2022\\\/06\\\/Morland24.jpg&quot;},{&quot;src&quot;:&quot;https:\\\/\\\/www.garciafaura.com\\\/wp-content\\\/uploads\\\/2022\\\/06\\\/Morland23.jpg&quot;},{&quot;src&quot;:&quot;https:\\\/\\\/www.garciafaura.com\\\/wp-content\\\/uploads\\\/2022\\\/06\\\/Morland22.jpg&quot;},{&quot;src&quot;:&quot;https:\\\/\\\/www.garciafaura.com\\\/wp-content\\\/uploads\\\/2022\\\/06\\\/Morland21.jpg&quot;},{&quot;src&quot;:&quot;https:\\\/\\\/www.garciafaura.com\\\/wp-content\\\/uploads\\\/2022\\\/06\\\/Morland20.jpg&quot;},{&quot;src&quot;:&quot;https:\\\/\\\/www.garciafaura.com\\\/wp-content\\\/uploads\\\/2022\\\/06\\\/Morland19.jpg&quot;},{&quot;src&quot;:&quot;https:\\\/\\\/www.garciafaura.com\\\/wp-content\\\/uploads\\\/2022\\\/06\\\/Morland18.jpg&quot;},{&quot;src&quot;:&quot;https:\\\/\\\/www.garciafaura.com\\\/wp-content\\\/uploads\\\/2022\\\/06\\\/Morland17.jpg&quot;},{&quot;src&quot;:&quot;https:\\\/\\\/www.garciafaura.com\\\/wp-content\\\/uploads\\\/2022\\\/06\\\/Morland16.jpg&quot;},{&quot;src&quot;:&quot;https:\\\/\\\/www.garciafaura.com\\\/wp-content\\\/uploads\\\/2022\\\/06\\\/Morland15.jpg&quot;},{&quot;src&quot;:&quot;https:\\\/\\\/www.garciafaura.com\\\/wp-content\\\/uploads\\\/2022\\\/06\\\/Morland14.jpg&quot;},{&quot;src&quot;:&quot;https:\\\/\\\/www.garciafaura.com\\\/wp-content\\\/uploads\\\/2022\\\/06\\\/Morland13.jpg&quot;},{&quot;src&quot;:&quot;https:\\\/\\\/www.garciafaura.com\\\/wp-content\\\/uploads\\\/2022\\\/06\\\/Morland12.jpg&quot;},{&quot;src&quot;:&quot;https:\\\/\\\/www.garciafaura.com\\\/wp-content\\\/uploads\\\/2022\\\/06\\\/Morland11.jpg&quot;},{&quot;src&quot;:&quot;https:\\\/\\\/www.garciafaura.com\\\/wp-content\\\/uploads\\\/2022\\\/06\\\/Morland10.jpg&quot;}]\"><img loading=\"lazy\" decoding=\"async\" data-no-lazy=\"1\" class=\"portfolio-entry-img skip-lazy\" src=\"https:\/\/www.garciafaura.com\/wp-content\/uploads\/2022\/06\/Morland01-600x314.jpg\" alt='' data-no-retina width=\"600\" height=\"314\" \/><\/a><\/div><div class=\"portfolio-entry-details entry-details wpex-clr\"><h2 class=\"portfolio-entry-title entry-title\"><a href=\"https:\/\/www.garciafaura.com\/es\/portfolio-item\/proyecto-morland\/\" title=\"Proyecto Morland\">Proyecto Morland<\/a><\/h2><div class=\"portfolio-entry-categories entry-categories wpex-clr\"><a href=\"https:\/\/www.garciafaura.com\/es\/portfolio-category\/fachadas-destacado\/\" class=\"term-52\">Fachadas Destacado<\/a><\/div><\/div><\/div><\/div><div class=\"portfolio-entry vcex-grid-item entry-has-details span_1_of_3 col col-2 vcex-isotope-entry vcex-no-margin-entry post-19305 entry type-portfolio has-media cat-49 translation_priority-6\"><div class=\"portfolio-entry-inner entry-inner wpex-clr\"><div class=\"portfolio-entry-media entry-media wpex-clr\"><a href=\"https:\/\/www.garciafaura.com\/wp-content\/uploads\/2019\/04\/Lagoh-01.jpg\" title=\"Lagoh Sevilla\" class=\"portfolio-entry-media-link wpex-lightbox-gallery\" data-gallery=\"[{&quot;src&quot;:&quot;https:\\\/\\\/www.garciafaura.com\\\/wp-content\\\/uploads\\\/2019\\\/04\\\/Lagoh-01.jpg&quot;},{&quot;src&quot;:&quot;https:\\\/\\\/www.garciafaura.com\\\/wp-content\\\/uploads\\\/2019\\\/04\\\/Lagoh-02.jpg&quot;}]\"><img loading=\"lazy\" decoding=\"async\" data-no-lazy=\"1\" class=\"portfolio-entry-img skip-lazy\" src=\"https:\/\/www.garciafaura.com\/wp-content\/uploads\/2019\/04\/Lagoh-01-600x314.jpg\" alt='' data-no-retina width=\"600\" height=\"314\" \/><\/a><\/div><div class=\"portfolio-entry-details entry-details wpex-clr\"><h2 class=\"portfolio-entry-title entry-title\"><a href=\"https:\/\/www.garciafaura.com\/es\/portfolio-item\/lagoh-sevilla\/\" title=\"Lagoh Sevilla\">Lagoh Sevilla<\/a><\/h2><div class=\"portfolio-entry-categories entry-categories wpex-clr\"><a href=\"https:\/\/www.garciafaura.com\/es\/portfolio-category\/edificios-de-servicios\/\" class=\"term-49\">Edificios de Servicios<\/a><\/div><\/div><\/div><\/div><div class=\"portfolio-entry vcex-grid-item entry-has-details span_1_of_3 col col-3 vcex-isotope-entry vcex-no-margin-entry post-19244 entry type-portfolio has-media cat-49 translation_priority-6\"><div class=\"portfolio-entry-inner entry-inner wpex-clr\"><div class=\"portfolio-entry-media entry-media wpex-clr\"><a href=\"https:\/\/www.garciafaura.com\/wp-content\/uploads\/2019\/04\/Escola-Palau-Ametlla-01.jpg\" title=\"Escuela Palau d&#8217;Ametlla\" class=\"portfolio-entry-media-link wpex-lightbox-gallery\" data-gallery=\"[{&quot;src&quot;:&quot;https:\\\/\\\/www.garciafaura.com\\\/wp-content\\\/uploads\\\/2019\\\/04\\\/Escola-Palau-Ametlla-01.jpg&quot;},{&quot;src&quot;:&quot;https:\\\/\\\/www.garciafaura.com\\\/wp-content\\\/uploads\\\/2019\\\/04\\\/Escola-Palau-Ametlla-02.jpg&quot;},{&quot;src&quot;:&quot;https:\\\/\\\/www.garciafaura.com\\\/wp-content\\\/uploads\\\/2019\\\/04\\\/Escola-Palau-Ametlla-03.jpg&quot;},{&quot;src&quot;:&quot;https:\\\/\\\/www.garciafaura.com\\\/wp-content\\\/uploads\\\/2019\\\/04\\\/Escola-Palau-Ametlla-04.jpg&quot;},{&quot;src&quot;:&quot;https:\\\/\\\/www.garciafaura.com\\\/wp-content\\\/uploads\\\/2019\\\/04\\\/Escola-Palau-Ametlla-05.jpg&quot;},{&quot;src&quot;:&quot;https:\\\/\\\/www.garciafaura.com\\\/wp-content\\\/uploads\\\/2019\\\/04\\\/Escola-Palau-Ametlla-06.jpg&quot;},{&quot;src&quot;:&quot;https:\\\/\\\/www.garciafaura.com\\\/wp-content\\\/uploads\\\/2019\\\/04\\\/Escola-Palau-Ametlla-07.jpg&quot;},{&quot;src&quot;:&quot;https:\\\/\\\/www.garciafaura.com\\\/wp-content\\\/uploads\\\/2019\\\/04\\\/Escola-Palau-Ametlla-08.jpg&quot;},{&quot;src&quot;:&quot;https:\\\/\\\/www.garciafaura.com\\\/wp-content\\\/uploads\\\/2019\\\/04\\\/Escola-Palau-Ametlla-09.jpg&quot;},{&quot;src&quot;:&quot;https:\\\/\\\/www.garciafaura.com\\\/wp-content\\\/uploads\\\/2019\\\/04\\\/Escola-Palau-Ametlla-10.jpg&quot;},{&quot;src&quot;:&quot;https:\\\/\\\/www.garciafaura.com\\\/wp-content\\\/uploads\\\/2019\\\/04\\\/Escola-Palau-Ametlla-11.jpg&quot;},{&quot;src&quot;:&quot;https:\\\/\\\/www.garciafaura.com\\\/wp-content\\\/uploads\\\/2019\\\/04\\\/Escola-Palau-Ametlla-12.jpg&quot;},{&quot;src&quot;:&quot;https:\\\/\\\/www.garciafaura.com\\\/wp-content\\\/uploads\\\/2019\\\/04\\\/Escola-Palau-Ametlla-13.jpg&quot;},{&quot;src&quot;:&quot;https:\\\/\\\/www.garciafaura.com\\\/wp-content\\\/uploads\\\/2019\\\/04\\\/Escola-Palau-Ametlla-14.jpg&quot;},{&quot;src&quot;:&quot;https:\\\/\\\/www.garciafaura.com\\\/wp-content\\\/uploads\\\/2019\\\/04\\\/Escola-Palau-Ametlla-15.jpg&quot;}]\"><img loading=\"lazy\" decoding=\"async\" data-no-lazy=\"1\" class=\"portfolio-entry-img skip-lazy\" src=\"https:\/\/www.garciafaura.com\/wp-content\/uploads\/2019\/04\/Escola-Palau-Ametlla-01-600x314.jpg\" alt='' data-no-retina width=\"600\" height=\"314\" \/><\/a><\/div><div class=\"portfolio-entry-details entry-details wpex-clr\"><h2 class=\"portfolio-entry-title entry-title\"><a href=\"https:\/\/www.garciafaura.com\/es\/portfolio-item\/escuela-palau-dametlla\/\" title=\"Escuela Palau d&#8217;Ametlla\">Escuela Palau d&#8217;Ametlla<\/a><\/h2><div class=\"portfolio-entry-categories entry-categories wpex-clr\"><a href=\"https:\/\/www.garciafaura.com\/es\/portfolio-category\/edificios-de-servicios\/\" class=\"term-49\">Edificios de Servicios<\/a><\/div><\/div><\/div><\/div><div class=\"portfolio-entry vcex-grid-item entry-has-details span_1_of_3 col col-1 vcex-isotope-entry vcex-no-margin-entry post-19136 entry type-portfolio has-media cat-49 cat-50 cat-55 cat-56 translation_priority-6\"><div class=\"portfolio-entry-inner entry-inner wpex-clr\"><div class=\"portfolio-entry-media entry-media wpex-clr\"><a href=\"https:\/\/www.garciafaura.com\/wp-content\/uploads\/2019\/04\/01-CampusCondorcet_FotoSimonGarcia_arqfoto.jpg\" title=\"Campus Condorcet\" class=\"portfolio-entry-media-link wpex-lightbox-gallery\" data-gallery=\"[{&quot;src&quot;:&quot;https:\\\/\\\/www.garciafaura.com\\\/wp-content\\\/uploads\\\/2019\\\/04\\\/01-CampusCondorcet_FotoSimonGarcia_arqfoto.jpg&quot;,&quot;caption&quot;:&quot;\\u00a9 Simon Garcia|arqfoto.com&quot;},{&quot;src&quot;:&quot;https:\\\/\\\/www.garciafaura.com\\\/wp-content\\\/uploads\\\/2019\\\/04\\\/13-CampusCondorcet_FotoSimonGarcia_arqfoto.jpg&quot;,&quot;caption&quot;:&quot;\\u00a9 Simon Garcia|arqfoto.com&quot;},{&quot;src&quot;:&quot;https:\\\/\\\/www.garciafaura.com\\\/wp-content\\\/uploads\\\/2019\\\/04\\\/12-CampusCondorcet_FotoSimonGarcia_arqfoto.jpg&quot;,&quot;caption&quot;:&quot;\\u00a9 Simon Garcia|arqfoto.com&quot;},{&quot;src&quot;:&quot;https:\\\/\\\/www.garciafaura.com\\\/wp-content\\\/uploads\\\/2019\\\/04\\\/11-CampusCondorcet_FotoSimonGarcia_arqfoto.jpg&quot;,&quot;caption&quot;:&quot;\\u00a9 Simon Garcia|arqfoto.com&quot;},{&quot;src&quot;:&quot;https:\\\/\\\/www.garciafaura.com\\\/wp-content\\\/uploads\\\/2019\\\/04\\\/10-CampusCondorcet_FotoSimonGarcia_arqfoto.jpg&quot;,&quot;caption&quot;:&quot;\\u00a9 Simon Garcia|arqfoto.com&quot;},{&quot;src&quot;:&quot;https:\\\/\\\/www.garciafaura.com\\\/wp-content\\\/uploads\\\/2019\\\/04\\\/09-CampusCondorcet_FotoSimonGarcia_arqfoto.jpg&quot;,&quot;caption&quot;:&quot;\\u00a9 Simon Garcia|arqfoto.com&quot;},{&quot;src&quot;:&quot;https:\\\/\\\/www.garciafaura.com\\\/wp-content\\\/uploads\\\/2019\\\/04\\\/08-CampusCondorcet_FotoSimonGarcia_arqfoto.jpg&quot;,&quot;caption&quot;:&quot;\\u00a9 Simon Garcia|arqfoto.com&quot;},{&quot;src&quot;:&quot;https:\\\/\\\/www.garciafaura.com\\\/wp-content\\\/uploads\\\/2019\\\/04\\\/07-CampusCondorcet_FotoSimonGarcia_arqfoto.jpg&quot;,&quot;caption&quot;:&quot;\\u00a9 Simon Garcia|arqfoto.com&quot;},{&quot;src&quot;:&quot;https:\\\/\\\/www.garciafaura.com\\\/wp-content\\\/uploads\\\/2019\\\/04\\\/06-CampusCondorcet_FotoSimonGarcia_arqfoto.jpg&quot;,&quot;caption&quot;:&quot;\\u00a9 Simon Garcia|arqfoto.com&quot;},{&quot;src&quot;:&quot;https:\\\/\\\/www.garciafaura.com\\\/wp-content\\\/uploads\\\/2019\\\/04\\\/05-CampusCondorcet_FotoSimonGarcia_arqfoto.jpg&quot;,&quot;caption&quot;:&quot;\\u00a9 Simon Garcia|arqfoto.com&quot;},{&quot;src&quot;:&quot;https:\\\/\\\/www.garciafaura.com\\\/wp-content\\\/uploads\\\/2019\\\/04\\\/04-CampusCondorcet_FotoSimonGarcia_arqfoto.jpg&quot;,&quot;caption&quot;:&quot;\\u00a9 Simon Garcia|arqfoto.com&quot;},{&quot;src&quot;:&quot;https:\\\/\\\/www.garciafaura.com\\\/wp-content\\\/uploads\\\/2019\\\/04\\\/03-CampusCondorcet_FotoSimonGarcia_arqfoto.jpg&quot;,&quot;caption&quot;:&quot;\\u00a9 Simon Garcia|arqfoto.com&quot;},{&quot;src&quot;:&quot;https:\\\/\\\/www.garciafaura.com\\\/wp-content\\\/uploads\\\/2019\\\/04\\\/02-CampusCondorcet_FotoSimonGarcia_arqfoto.jpg&quot;,&quot;caption&quot;:&quot;\\u00a9 Simon Garcia|arqfoto.com&quot;}]\"><img loading=\"lazy\" decoding=\"async\" data-no-lazy=\"1\" class=\"portfolio-entry-img skip-lazy\" src=\"https:\/\/www.garciafaura.com\/wp-content\/uploads\/2019\/04\/01-CampusCondorcet_FotoSimonGarcia_arqfoto-600x314.jpg\" alt='' data-no-retina width=\"600\" height=\"314\" \/><\/a><\/div><div class=\"portfolio-entry-details entry-details wpex-clr\"><h2 class=\"portfolio-entry-title entry-title\"><a href=\"https:\/\/www.garciafaura.com\/es\/portfolio-item\/campus-condorcet\/\" title=\"Campus Condorcet\">Campus Condorcet<\/a><\/h2><div class=\"portfolio-entry-categories entry-categories wpex-clr\"><a href=\"https:\/\/www.garciafaura.com\/es\/portfolio-category\/internacional-es\/\" class=\"term-55\">Internacional<\/a><\/div><\/div><\/div><\/div><div class=\"portfolio-entry vcex-grid-item entry-has-details span_1_of_3 col col-2 vcex-isotope-entry vcex-no-margin-entry post-19046 entry type-portfolio has-media cat-49 cat-55 translation_priority-6\"><div class=\"portfolio-entry-inner entry-inner wpex-clr\"><div class=\"portfolio-entry-media entry-media wpex-clr\"><a href=\"https:\/\/www.garciafaura.com\/wp-content\/uploads\/2019\/04\/PalaisJusticeGF_1.jpg\" title=\"Palacio de Justicia de Par\u00eds\" class=\"portfolio-entry-media-link wpex-lightbox-gallery\" data-gallery=\"[{&quot;src&quot;:&quot;https:\\\/\\\/www.garciafaura.com\\\/wp-content\\\/uploads\\\/2019\\\/04\\\/PalaisJusticeGF_1.jpg&quot;},{&quot;src&quot;:&quot;https:\\\/\\\/www.garciafaura.com\\\/wp-content\\\/uploads\\\/2019\\\/04\\\/PalaisJusticeGF_7.jpg&quot;},{&quot;src&quot;:&quot;https:\\\/\\\/www.garciafaura.com\\\/wp-content\\\/uploads\\\/2019\\\/04\\\/PalaisJusticeGF_6.jpg&quot;},{&quot;src&quot;:&quot;https:\\\/\\\/www.garciafaura.com\\\/wp-content\\\/uploads\\\/2019\\\/04\\\/PalaisJusticeGF_5.jpg&quot;},{&quot;src&quot;:&quot;https:\\\/\\\/www.garciafaura.com\\\/wp-content\\\/uploads\\\/2019\\\/04\\\/PalaisJusticeGF_4.jpg&quot;},{&quot;src&quot;:&quot;https:\\\/\\\/www.garciafaura.com\\\/wp-content\\\/uploads\\\/2019\\\/04\\\/PalaisJusticeGF_3.jpg&quot;},{&quot;src&quot;:&quot;https:\\\/\\\/www.garciafaura.com\\\/wp-content\\\/uploads\\\/2019\\\/04\\\/PalaisJusticeGF_2.jpg&quot;}]\"><img loading=\"lazy\" decoding=\"async\" data-no-lazy=\"1\" class=\"portfolio-entry-img skip-lazy\" src=\"https:\/\/www.garciafaura.com\/wp-content\/uploads\/2019\/04\/PalaisJusticeGF_1-600x314.jpg\" alt='' data-no-retina width=\"600\" height=\"314\" \/><\/a><\/div><div class=\"portfolio-entry-details entry-details wpex-clr\"><h2 class=\"portfolio-entry-title entry-title\"><a href=\"https:\/\/www.garciafaura.com\/es\/portfolio-item\/palacio-de-justicia-de-paris\/\" title=\"Palacio de Justicia de Par\u00eds\">Palacio de Justicia de Par\u00eds<\/a><\/h2><div class=\"portfolio-entry-categories entry-categories wpex-clr\"><a href=\"https:\/\/www.garciafaura.com\/es\/portfolio-category\/edificios-de-servicios\/\" class=\"term-49\">Edificios de Servicios<\/a><\/div><\/div><\/div><\/div><div class=\"portfolio-entry vcex-grid-item entry-has-details span_1_of_3 col col-3 vcex-isotope-entry vcex-no-margin-entry post-18453 entry type-portfolio has-media cat-49 cat-50 translation_priority-6\"><div class=\"portfolio-entry-inner entry-inner wpex-clr\"><div class=\"portfolio-entry-media entry-media wpex-clr\"><a href=\"https:\/\/www.garciafaura.com\/wp-content\/uploads\/2018\/12\/Tanatori-Terrassa-01.jpg\" title=\"Tanatorio de Terrassa\" class=\"portfolio-entry-media-link wpex-lightbox-gallery\" data-gallery=\"[{&quot;src&quot;:&quot;https:\\\/\\\/www.garciafaura.com\\\/wp-content\\\/uploads\\\/2018\\\/12\\\/Tanatori-Terrassa-01.jpg&quot;,&quot;title&quot;:&quot;Trabajos de aluminio y vidrio en este equipamiento funerario&quot;},{&quot;src&quot;:&quot;https:\\\/\\\/www.garciafaura.com\\\/wp-content\\\/uploads\\\/2018\\\/12\\\/Tanatori-Terrassa-10.jpg&quot;,&quot;title&quot;:&quot;Trabajos de aluminio y vidrio en este equipamiento funerario&quot;},{&quot;src&quot;:&quot;https:\\\/\\\/www.garciafaura.com\\\/wp-content\\\/uploads\\\/2018\\\/12\\\/Tanatori-Terrassa-09.jpg&quot;,&quot;title&quot;:&quot;Trabajos de aluminio y vidrio en este equipamiento funerario&quot;},{&quot;src&quot;:&quot;https:\\\/\\\/www.garciafaura.com\\\/wp-content\\\/uploads\\\/2018\\\/12\\\/Tanatori-Terrassa-08.jpg&quot;,&quot;title&quot;:&quot;Trabajos de aluminio y vidrio en este equipamiento funerario&quot;},{&quot;src&quot;:&quot;https:\\\/\\\/www.garciafaura.com\\\/wp-content\\\/uploads\\\/2018\\\/12\\\/Tanatori-Terrassa-07.jpg&quot;,&quot;title&quot;:&quot;Trabajos de aluminio y vidrio en este equipamiento funerario&quot;},{&quot;src&quot;:&quot;https:\\\/\\\/www.garciafaura.com\\\/wp-content\\\/uploads\\\/2018\\\/12\\\/Tanatori-Terrassa-06.jpg&quot;,&quot;title&quot;:&quot;Trabajos de aluminio y vidrio en este equipamiento funerario&quot;},{&quot;src&quot;:&quot;https:\\\/\\\/www.garciafaura.com\\\/wp-content\\\/uploads\\\/2018\\\/12\\\/Tanatori-Terrassa-05.jpg&quot;,&quot;title&quot;:&quot;Trabajos de aluminio y vidrio en este equipamiento funerario&quot;},{&quot;src&quot;:&quot;https:\\\/\\\/www.garciafaura.com\\\/wp-content\\\/uploads\\\/2018\\\/12\\\/Tanatori-Terrassa-04.jpg&quot;,&quot;title&quot;:&quot;Trabajos de aluminio y vidrio en este equipamiento funerario&quot;},{&quot;src&quot;:&quot;https:\\\/\\\/www.garciafaura.com\\\/wp-content\\\/uploads\\\/2018\\\/12\\\/Tanatori-Terrassa-03.jpg&quot;,&quot;title&quot;:&quot;Trabajos de aluminio y vidrio en este equipamiento funerario&quot;},{&quot;src&quot;:&quot;https:\\\/\\\/www.garciafaura.com\\\/wp-content\\\/uploads\\\/2018\\\/12\\\/Tanatori-Terrassa-02.jpg&quot;,&quot;title&quot;:&quot;Trabajos de aluminio y vidrio en este equipamiento funerario&quot;}]\"><img loading=\"lazy\" decoding=\"async\" data-no-lazy=\"1\" class=\"portfolio-entry-img skip-lazy\" src=\"https:\/\/www.garciafaura.com\/wp-content\/uploads\/2018\/12\/Tanatori-Terrassa-01-600x314.jpg\" alt=\"Trabajos De Aluminio Y Vidrio En Este Equipamiento Funerario\" data-no-retina width=\"600\" height=\"314\" \/><\/a><\/div><div class=\"portfolio-entry-details entry-details wpex-clr\"><h2 class=\"portfolio-entry-title entry-title\"><a href=\"https:\/\/www.garciafaura.com\/es\/portfolio-item\/tanatorio-de-terrassa\/\" title=\"Tanatorio de Terrassa\">Tanatorio de Terrassa<\/a><\/h2><div class=\"portfolio-entry-categories entry-categories wpex-clr\"><a href=\"https:\/\/www.garciafaura.com\/es\/portfolio-category\/edificios-de-servicios\/\" class=\"term-49\">Edificios de Servicios<\/a><\/div><\/div><\/div><\/div><div class=\"portfolio-entry vcex-grid-item entry-has-details span_1_of_3 col col-1 vcex-isotope-entry vcex-no-margin-entry post-18450 entry type-portfolio has-media cat-49 translation_priority-6\"><div class=\"portfolio-entry-inner entry-inner wpex-clr\"><div class=\"portfolio-entry-media entry-media wpex-clr\"><a href=\"https:\/\/www.garciafaura.com\/wp-content\/uploads\/2018\/12\/Institut-Can-Roca-Terrassa-01.jpg\" title=\"Instituto Can Roca Terrassa\" class=\"portfolio-entry-media-link wpex-lightbox-gallery\" data-gallery=\"[{&quot;src&quot;:&quot;https:\\\/\\\/www.garciafaura.com\\\/wp-content\\\/uploads\\\/2018\\\/12\\\/Institut-Can-Roca-Terrassa-01.jpg&quot;,&quot;title&quot;:&quot;Cerramientos para este nuevo centro educativo de Terrassa&quot;},{&quot;src&quot;:&quot;https:\\\/\\\/www.garciafaura.com\\\/wp-content\\\/uploads\\\/2018\\\/12\\\/Institut-Can-Roca-Terrassa-13.jpg&quot;,&quot;title&quot;:&quot;Cerramientos para este nuevo centro educativo de Terrassa&quot;},{&quot;src&quot;:&quot;https:\\\/\\\/www.garciafaura.com\\\/wp-content\\\/uploads\\\/2018\\\/12\\\/Institut-Can-Roca-Terrassa-12.jpg&quot;,&quot;title&quot;:&quot;Cerramientos para este nuevo centro educativo de Terrassa&quot;},{&quot;src&quot;:&quot;https:\\\/\\\/www.garciafaura.com\\\/wp-content\\\/uploads\\\/2018\\\/12\\\/Institut-Can-Roca-Terrassa-11.jpg&quot;,&quot;title&quot;:&quot;Cerramientos para este nuevo centro educativo de Terrassa&quot;},{&quot;src&quot;:&quot;https:\\\/\\\/www.garciafaura.com\\\/wp-content\\\/uploads\\\/2018\\\/12\\\/Institut-Can-Roca-Terrassa-10.jpg&quot;,&quot;title&quot;:&quot;Cerramientos para este nuevo centro educativo de Terrassa&quot;},{&quot;src&quot;:&quot;https:\\\/\\\/www.garciafaura.com\\\/wp-content\\\/uploads\\\/2018\\\/12\\\/Institut-Can-Roca-Terrassa-09.jpg&quot;,&quot;title&quot;:&quot;Cerramientos para este nuevo centro educativo de Terrassa&quot;},{&quot;src&quot;:&quot;https:\\\/\\\/www.garciafaura.com\\\/wp-content\\\/uploads\\\/2018\\\/12\\\/Institut-Can-Roca-Terrassa-08.jpg&quot;,&quot;title&quot;:&quot;Cerramientos para este nuevo centro educativo de Terrassa&quot;},{&quot;src&quot;:&quot;https:\\\/\\\/www.garciafaura.com\\\/wp-content\\\/uploads\\\/2018\\\/12\\\/Institut-Can-Roca-Terrassa-07.jpg&quot;,&quot;title&quot;:&quot;Cerramientos para este nuevo centro educativo de Terrassa&quot;},{&quot;src&quot;:&quot;https:\\\/\\\/www.garciafaura.com\\\/wp-content\\\/uploads\\\/2018\\\/12\\\/Institut-Can-Roca-Terrassa-06.jpg&quot;,&quot;title&quot;:&quot;Cerramientos para este nuevo centro educativo de Terrassa&quot;},{&quot;src&quot;:&quot;https:\\\/\\\/www.garciafaura.com\\\/wp-content\\\/uploads\\\/2018\\\/12\\\/Institut-Can-Roca-Terrassa-05.jpg&quot;,&quot;title&quot;:&quot;Cerramientos para este nuevo centro educativo de Terrassa&quot;},{&quot;src&quot;:&quot;https:\\\/\\\/www.garciafaura.com\\\/wp-content\\\/uploads\\\/2018\\\/12\\\/Institut-Can-Roca-Terrassa-04.jpg&quot;,&quot;title&quot;:&quot;Cerramientos para este nuevo centro educativo de Terrassa&quot;},{&quot;src&quot;:&quot;https:\\\/\\\/www.garciafaura.com\\\/wp-content\\\/uploads\\\/2018\\\/12\\\/Institut-Can-Roca-Terrassa-03.jpg&quot;,&quot;title&quot;:&quot;Cerramientos para este nuevo centro educativo de Terrassa&quot;},{&quot;src&quot;:&quot;https:\\\/\\\/www.garciafaura.com\\\/wp-content\\\/uploads\\\/2018\\\/12\\\/Institut-Can-Roca-Terrassa-02.jpg&quot;,&quot;title&quot;:&quot;Cerramientos para este nuevo centro educativo de Terrassa&quot;}]\"><img loading=\"lazy\" decoding=\"async\" data-no-lazy=\"1\" class=\"portfolio-entry-img skip-lazy\" src=\"https:\/\/www.garciafaura.com\/wp-content\/uploads\/2018\/12\/Institut-Can-Roca-Terrassa-01-600x314.jpg\" alt=\"Cerramientos Para Este Nuevo Centro Educativo De Terrassa\" data-no-retina width=\"600\" height=\"314\" \/><\/a><\/div><div class=\"portfolio-entry-details entry-details wpex-clr\"><h2 class=\"portfolio-entry-title entry-title\"><a href=\"https:\/\/www.garciafaura.com\/es\/portfolio-item\/instituto-can-roca-terrassa\/\" title=\"Instituto Can Roca Terrassa\">Instituto Can Roca Terrassa<\/a><\/h2><div class=\"portfolio-entry-categories entry-categories wpex-clr\"><a href=\"https:\/\/www.garciafaura.com\/es\/portfolio-category\/edificios-de-servicios\/\" class=\"term-49\">Edificios de Servicios<\/a><\/div><\/div><\/div><\/div><div class=\"portfolio-entry vcex-grid-item entry-has-details span_1_of_3 col col-2 vcex-isotope-entry vcex-no-margin-entry post-18423 entry type-portfolio has-media cat-49 translation_priority-6\"><div class=\"portfolio-entry-inner entry-inner wpex-clr\"><div class=\"portfolio-entry-media entry-media wpex-clr\"><a href=\"https:\/\/www.garciafaura.com\/wp-content\/uploads\/2018\/11\/Ajuntament-Sant-Pere-Ribes-02.jpg\" title=\"Ayuntamiento de Sant Pere de Ribes\" class=\"portfolio-entry-media-link wpex-lightbox-gallery\" data-gallery=\"[{&quot;src&quot;:&quot;https:\\\/\\\/www.garciafaura.com\\\/wp-content\\\/uploads\\\/2018\\\/11\\\/Ajuntament-Sant-Pere-Ribes-01.jpg&quot;,&quot;title&quot;:&quot;Arquitectura en aluminio y vidrio del nuevo edificio consistorial de la ciudad&quot;},{&quot;src&quot;:&quot;https:\\\/\\\/www.garciafaura.com\\\/wp-content\\\/uploads\\\/2018\\\/11\\\/Ajuntament-Sant-Pere-Ribes-04.jpg&quot;,&quot;title&quot;:&quot;Arquitectura en aluminio y vidrio del nuevo edificio consistorial de la ciudad&quot;},{&quot;src&quot;:&quot;https:\\\/\\\/www.garciafaura.com\\\/wp-content\\\/uploads\\\/2018\\\/11\\\/Ajuntament-Sant-Pere-Ribes-03.jpg&quot;,&quot;title&quot;:&quot;Arquitectura en aluminio y vidrio del nuevo edificio consistorial de la ciudad&quot;},{&quot;src&quot;:&quot;https:\\\/\\\/www.garciafaura.com\\\/wp-content\\\/uploads\\\/2018\\\/11\\\/Ajuntament-Sant-Pere-Ribes-02.jpg&quot;,&quot;title&quot;:&quot;Arquitectura en aluminio y vidrio del nuevo edificio consistorial de la ciudad&quot;}]\"><img decoding=\"async\" data-no-lazy=\"1\" class=\"portfolio-entry-img skip-lazy\" src=\"https:\/\/www.garciafaura.com\/wp-content\/uploads\/2018\/11\/Ajuntament-Sant-Pere-Ribes-02-x.jpg\" alt=\"Arquitectura En Aluminio Y Vidrio Del Nuevo Edificio Consistorial De La Ciudad\" data-no-retina \/><\/a><\/div><div class=\"portfolio-entry-details entry-details wpex-clr\"><h2 class=\"portfolio-entry-title entry-title\"><a href=\"https:\/\/www.garciafaura.com\/es\/portfolio-item\/ayuntamiento-de-sant-pere-de-ribes\/\" title=\"Ayuntamiento de Sant Pere de Ribes\">Ayuntamiento de Sant Pere de Ribes<\/a><\/h2><div class=\"portfolio-entry-categories entry-categories wpex-clr\"><a href=\"https:\/\/www.garciafaura.com\/es\/portfolio-category\/edificios-de-servicios\/\" class=\"term-49\">Edificios de Servicios<\/a><\/div><\/div><\/div><\/div><div class=\"portfolio-entry vcex-grid-item entry-has-details span_1_of_3 col col-3 vcex-isotope-entry vcex-no-margin-entry post-18417 entry type-portfolio has-media cat-49 cat-58 translation_priority-6\"><div class=\"portfolio-entry-inner entry-inner wpex-clr\"><div class=\"portfolio-entry-media entry-media wpex-clr\"><a href=\"https:\/\/www.garciafaura.com\/wp-content\/uploads\/2018\/11\/Col\u00b7legi-Sagrat-Cor-04.jpg\" title=\"Colegio Sagrat Cor\" class=\"portfolio-entry-media-link wpex-lightbox-gallery\" data-gallery=\"[{&quot;src&quot;:&quot;https:\\\/\\\/www.garciafaura.com\\\/wp-content\\\/uploads\\\/2018\\\/11\\\/Col\\u00b7legi-Sagrat-Cor-01.jpg&quot;,&quot;title&quot;:&quot;Rehabilitaci\\u00f3n y nueva construcci\\u00f3n de este centro escolar de Barcelona&quot;},{&quot;src&quot;:&quot;https:\\\/\\\/www.garciafaura.com\\\/wp-content\\\/uploads\\\/2018\\\/11\\\/Col\\u00b7legi-Sagrat-Cor-07.jpg&quot;,&quot;title&quot;:&quot;Rehabilitaci\\u00f3n y nueva construcci\\u00f3n de este centro escolar de Barcelona&quot;},{&quot;src&quot;:&quot;https:\\\/\\\/www.garciafaura.com\\\/wp-content\\\/uploads\\\/2018\\\/11\\\/Col\\u00b7legi-Sagrat-Cor-06.jpg&quot;,&quot;title&quot;:&quot;Rehabilitaci\\u00f3n y nueva construcci\\u00f3n de este centro escolar de Barcelona&quot;},{&quot;src&quot;:&quot;https:\\\/\\\/www.garciafaura.com\\\/wp-content\\\/uploads\\\/2018\\\/11\\\/Col\\u00b7legi-Sagrat-Cor-05.jpg&quot;,&quot;title&quot;:&quot;Rehabilitaci\\u00f3n y nueva construcci\\u00f3n de este centro escolar de Barcelona&quot;},{&quot;src&quot;:&quot;https:\\\/\\\/www.garciafaura.com\\\/wp-content\\\/uploads\\\/2018\\\/11\\\/Col\\u00b7legi-Sagrat-Cor-04.jpg&quot;,&quot;title&quot;:&quot;Rehabilitaci\\u00f3n y nueva construcci\\u00f3n de este centro escolar de Barcelona&quot;},{&quot;src&quot;:&quot;https:\\\/\\\/www.garciafaura.com\\\/wp-content\\\/uploads\\\/2018\\\/11\\\/Col\\u00b7legi-Sagrat-Cor-03.jpg&quot;,&quot;title&quot;:&quot;Rehabilitaci\\u00f3n y nueva construcci\\u00f3n de este centro escolar de Barcelona&quot;},{&quot;src&quot;:&quot;https:\\\/\\\/www.garciafaura.com\\\/wp-content\\\/uploads\\\/2018\\\/11\\\/Col\\u00b7legi-Sagrat-Cor-02.jpg&quot;,&quot;title&quot;:&quot;Rehabilitaci\\u00f3n y nueva construcci\\u00f3n de este centro escolar de Barcelona&quot;}]\"><img decoding=\"async\" data-no-lazy=\"1\" class=\"portfolio-entry-img skip-lazy\" src=\"https:\/\/www.garciafaura.com\/wp-content\/uploads\/2018\/11\/Col\u00b7legi-Sagrat-Cor-04-x.jpg\" alt=\"Rehabilitaci\u00f3n Y Nueva Construcci\u00f3n De Este Centro Escolar De Barcelona\" data-no-retina \/><\/a><\/div><div class=\"portfolio-entry-details entry-details wpex-clr\"><h2 class=\"portfolio-entry-title entry-title\"><a href=\"https:\/\/www.garciafaura.com\/es\/portfolio-item\/colegio-sagrat-cor\/\" title=\"Colegio Sagrat Cor\">Colegio Sagrat Cor<\/a><\/h2><div class=\"portfolio-entry-categories entry-categories wpex-clr\"><a href=\"https:\/\/www.garciafaura.com\/es\/portfolio-category\/edificios-de-servicios\/\" class=\"term-49\">Edificios de Servicios<\/a><\/div><\/div><\/div><\/div><div class=\"portfolio-entry vcex-grid-item entry-has-details span_1_of_3 col col-1 vcex-isotope-entry vcex-no-margin-entry post-18390 entry type-portfolio has-media cat-49 cat-51 translation_priority-6\"><div class=\"portfolio-entry-inner entry-inner wpex-clr\"><div class=\"portfolio-entry-media entry-media wpex-clr\"><a href=\"https:\/\/www.garciafaura.com\/wp-content\/uploads\/2018\/11\/Gimna\u0300s-Arqus-Sport-01.jpg\" title=\"Gimnasio Arqus Sport\" class=\"portfolio-entry-media-link wpex-lightbox-gallery\" data-gallery=\"[{&quot;src&quot;:&quot;https:\\\/\\\/www.garciafaura.com\\\/wp-content\\\/uploads\\\/2018\\\/11\\\/Gimna\\u0300s-Arqus-Sport-01.jpg&quot;,&quot;title&quot;:&quot;Muro cortina curvado de las nuevas instalaciones de este gimnasio&quot;},{&quot;src&quot;:&quot;https:\\\/\\\/www.garciafaura.com\\\/wp-content\\\/uploads\\\/2018\\\/11\\\/Gimna\\u0300s-Arqus-Sport-05.jpg&quot;,&quot;title&quot;:&quot;Muro cortina curvado de las nuevas instalaciones de este gimnasio&quot;},{&quot;src&quot;:&quot;https:\\\/\\\/www.garciafaura.com\\\/wp-content\\\/uploads\\\/2018\\\/11\\\/Gimna\\u0300s-Arqus-Sport-04.jpg&quot;,&quot;title&quot;:&quot;Muro cortina curvado de las nuevas instalaciones de este gimnasio&quot;},{&quot;src&quot;:&quot;https:\\\/\\\/www.garciafaura.com\\\/wp-content\\\/uploads\\\/2018\\\/11\\\/Gimna\\u0300s-Arqus-Sport-03.jpg&quot;,&quot;title&quot;:&quot;Muro cortina curvado de las nuevas instalaciones de este gimnasio&quot;},{&quot;src&quot;:&quot;https:\\\/\\\/www.garciafaura.com\\\/wp-content\\\/uploads\\\/2018\\\/11\\\/Gimna\\u0300s-Arqus-Sport-02.jpg&quot;,&quot;title&quot;:&quot;Muro cortina curvado de las nuevas instalaciones de este gimnasio&quot;}]\"><img decoding=\"async\" data-no-lazy=\"1\" class=\"portfolio-entry-img skip-lazy\" src=\"https:\/\/www.garciafaura.com\/wp-content\/uploads\/2018\/11\/Gimna\u0300s-Arqus-Sport-01-x.jpg\" alt=\"Muro Cortina Curvado De Las Nuevas Instalaciones De Este Gimnasio\" data-no-retina \/><\/a><\/div><div class=\"portfolio-entry-details entry-details wpex-clr\"><h2 class=\"portfolio-entry-title entry-title\"><a href=\"https:\/\/www.garciafaura.com\/es\/portfolio-item\/gimnasio-arqus-sport\/\" title=\"Gimnasio Arqus Sport\">Gimnasio Arqus Sport<\/a><\/h2><div class=\"portfolio-entry-categories entry-categories wpex-clr\"><a href=\"https:\/\/www.garciafaura.com\/es\/portfolio-category\/edificios-de-servicios\/\" class=\"term-49\">Edificios de Servicios<\/a><\/div><\/div><\/div><\/div><div class=\"portfolio-entry vcex-grid-item entry-has-details span_1_of_3 col col-2 vcex-isotope-entry vcex-no-margin-entry post-18387 entry type-portfolio has-media cat-49 cat-50 cat-51 cat-52 translation_priority-6\"><div class=\"portfolio-entry-inner entry-inner wpex-clr\"><div class=\"portfolio-entry-media entry-media wpex-clr\"><a href=\"https:\/\/www.garciafaura.com\/wp-content\/uploads\/2018\/11\/Fira-de-Barcelona-00.jpg\" title=\"Fira Barcelona Gran Via\" class=\"portfolio-entry-media-link wpex-lightbox-gallery\" data-gallery=\"[{&quot;src&quot;:&quot;https:\\\/\\\/www.garciafaura.com\\\/wp-content\\\/uploads\\\/2018\\\/11\\\/Fira-de-Barcelona-01.jpg&quot;,&quot;title&quot;:&quot;Muro cortina y cerramientos del pabell\\u00f3n Fira 2 dise\\u00f1ado por el arquitecto Toyo Ito&quot;},{&quot;src&quot;:&quot;https:\\\/\\\/www.garciafaura.com\\\/wp-content\\\/uploads\\\/2018\\\/11\\\/Fira-de-Barcelona-31.jpg&quot;,&quot;title&quot;:&quot;Muro cortina y cerramientos del pabell\\u00f3n Fira 2 dise\\u00f1ado por el arquitecto Toyo Ito&quot;},{&quot;src&quot;:&quot;https:\\\/\\\/www.garciafaura.com\\\/wp-content\\\/uploads\\\/2018\\\/11\\\/Fira-de-Barcelona-30.jpg&quot;,&quot;title&quot;:&quot;Muro cortina y cerramientos del pabell\\u00f3n Fira 2 dise\\u00f1ado por el arquitecto Toyo Ito&quot;},{&quot;src&quot;:&quot;https:\\\/\\\/www.garciafaura.com\\\/wp-content\\\/uploads\\\/2018\\\/11\\\/Fira-de-Barcelona-29.jpg&quot;,&quot;title&quot;:&quot;Muro cortina y cerramientos del pabell\\u00f3n Fira 2 dise\\u00f1ado por el arquitecto Toyo Ito&quot;},{&quot;src&quot;:&quot;https:\\\/\\\/www.garciafaura.com\\\/wp-content\\\/uploads\\\/2018\\\/11\\\/Fira-de-Barcelona-28.jpg&quot;,&quot;title&quot;:&quot;Muro cortina y cerramientos del pabell\\u00f3n Fira 2 dise\\u00f1ado por el arquitecto Toyo Ito&quot;},{&quot;src&quot;:&quot;https:\\\/\\\/www.garciafaura.com\\\/wp-content\\\/uploads\\\/2018\\\/11\\\/Fira-de-Barcelona-27.jpg&quot;,&quot;title&quot;:&quot;Mur cortina i tancaments del pavell\\u00f3 Fira 2 dissenyat per l&#039;arquitecte Toyo ItoMur cortina i tancaments del pavell\\u00f3 Fira 2 dissenyat per l&#039;arquitecte Toyo Ito&quot;},{&quot;src&quot;:&quot;https:\\\/\\\/www.garciafaura.com\\\/wp-content\\\/uploads\\\/2018\\\/11\\\/Fira-de-Barcelona-26.jpg&quot;,&quot;title&quot;:&quot;Muro cortina y cerramientos del pabell\\u00f3n Fira 2 dise\\u00f1ado por el arquitecto Toyo Ito&quot;},{&quot;src&quot;:&quot;https:\\\/\\\/www.garciafaura.com\\\/wp-content\\\/uploads\\\/2018\\\/11\\\/Fira-de-Barcelona-25.jpg&quot;,&quot;title&quot;:&quot;Muro cortina y cerramientos del pabell\\u00f3n Fira 2 dise\\u00f1ado por el arquitecto Toyo Ito&quot;},{&quot;src&quot;:&quot;https:\\\/\\\/www.garciafaura.com\\\/wp-content\\\/uploads\\\/2018\\\/11\\\/Fira-de-Barcelona-24.jpg&quot;,&quot;title&quot;:&quot;Muro cortina y cerramientos del pabell\\u00f3n Fira 2 dise\\u00f1ado por el arquitecto Toyo Ito&quot;},{&quot;src&quot;:&quot;https:\\\/\\\/www.garciafaura.com\\\/wp-content\\\/uploads\\\/2018\\\/11\\\/Fira-de-Barcelona-23.jpg&quot;,&quot;title&quot;:&quot;Muro cortina y cerramientos del pabell\\u00f3n Fira 2 dise\\u00f1ado por el arquitecto Toyo Ito&quot;},{&quot;src&quot;:&quot;https:\\\/\\\/www.garciafaura.com\\\/wp-content\\\/uploads\\\/2018\\\/11\\\/Fira-de-Barcelona-22.jpg&quot;,&quot;title&quot;:&quot;Muro cortina y cerramientos del pabell\\u00f3n Fira 2 dise\\u00f1ado por el arquitecto Toyo Ito&quot;},{&quot;src&quot;:&quot;https:\\\/\\\/www.garciafaura.com\\\/wp-content\\\/uploads\\\/2018\\\/11\\\/Fira-de-Barcelona-21.jpg&quot;,&quot;title&quot;:&quot;Muro cortina y cerramientos del pabell\\u00f3n Fira 2 dise\\u00f1ado por el arquitecto Toyo Ito&quot;},{&quot;src&quot;:&quot;https:\\\/\\\/www.garciafaura.com\\\/wp-content\\\/uploads\\\/2018\\\/11\\\/Fira-de-Barcelona-20.jpg&quot;,&quot;title&quot;:&quot;Muro cortina y cerramientos del pabell\\u00f3n Fira 2 dise\\u00f1ado por el arquitecto Toyo Ito&quot;},{&quot;src&quot;:&quot;https:\\\/\\\/www.garciafaura.com\\\/wp-content\\\/uploads\\\/2018\\\/11\\\/Fira-de-Barcelona-19.jpg&quot;,&quot;title&quot;:&quot;Muro cortina y cerramientos del pabell\\u00f3n Fira 2 dise\\u00f1ado por el arquitecto Toyo Ito&quot;},{&quot;src&quot;:&quot;https:\\\/\\\/www.garciafaura.com\\\/wp-content\\\/uploads\\\/2018\\\/11\\\/Fira-de-Barcelona-18.jpg&quot;,&quot;title&quot;:&quot;Muro cortina y cerramientos del pabell\\u00f3n Fira 2 dise\\u00f1ado por el arquitecto Toyo Ito&quot;},{&quot;src&quot;:&quot;https:\\\/\\\/www.garciafaura.com\\\/wp-content\\\/uploads\\\/2018\\\/11\\\/Fira-de-Barcelona-17.jpg&quot;,&quot;title&quot;:&quot;Muro cortina y cerramientos del pabell\\u00f3n Fira 2 dise\\u00f1ado por el arquitecto Toyo Ito&quot;},{&quot;src&quot;:&quot;https:\\\/\\\/www.garciafaura.com\\\/wp-content\\\/uploads\\\/2018\\\/11\\\/Fira-de-Barcelona-16.jpg&quot;,&quot;title&quot;:&quot;Muro cortina y cerramientos del pabell\\u00f3n Fira 2 dise\\u00f1ado por el arquitecto Toyo Ito&quot;},{&quot;src&quot;:&quot;https:\\\/\\\/www.garciafaura.com\\\/wp-content\\\/uploads\\\/2018\\\/11\\\/Fira-de-Barcelona-15.jpg&quot;,&quot;title&quot;:&quot;Muro cortina y cerramientos del pabell\\u00f3n Fira 2 dise\\u00f1ado por el arquitecto Toyo Ito&quot;},{&quot;src&quot;:&quot;https:\\\/\\\/www.garciafaura.com\\\/wp-content\\\/uploads\\\/2018\\\/11\\\/Fira-de-Barcelona-14.jpg&quot;,&quot;title&quot;:&quot;Muro cortina y cerramientos del pabell\\u00f3n Fira 2 dise\\u00f1ado por el arquitecto Toyo Ito&quot;},{&quot;src&quot;:&quot;https:\\\/\\\/www.garciafaura.com\\\/wp-content\\\/uploads\\\/2018\\\/11\\\/Fira-de-Barcelona-13.jpg&quot;,&quot;title&quot;:&quot;Muro cortina y cerramientos del pabell\\u00f3n Fira 2 dise\\u00f1ado por el arquitecto Toyo Ito&quot;},{&quot;src&quot;:&quot;https:\\\/\\\/www.garciafaura.com\\\/wp-content\\\/uploads\\\/2018\\\/11\\\/Fira-de-Barcelona-12.jpg&quot;,&quot;title&quot;:&quot;Muro cortina y cerramientos del pabell\\u00f3n Fira 2 dise\\u00f1ado por el arquitecto Toyo Ito&quot;},{&quot;src&quot;:&quot;https:\\\/\\\/www.garciafaura.com\\\/wp-content\\\/uploads\\\/2018\\\/11\\\/Fira-de-Barcelona-11.jpg&quot;,&quot;title&quot;:&quot;Muro cortina y cerramientos del pabell\\u00f3n Fira 2 dise\\u00f1ado por el arquitecto Toyo Ito&quot;},{&quot;src&quot;:&quot;https:\\\/\\\/www.garciafaura.com\\\/wp-content\\\/uploads\\\/2018\\\/11\\\/Fira-de-Barcelona-10.jpg&quot;,&quot;title&quot;:&quot;Muro cortina y cerramientos del pabell\\u00f3n Fira 2 dise\\u00f1ado por el arquitecto Toyo Ito&quot;},{&quot;src&quot;:&quot;https:\\\/\\\/www.garciafaura.com\\\/wp-content\\\/uploads\\\/2018\\\/11\\\/Fira-de-Barcelona-09.jpg&quot;,&quot;title&quot;:&quot;Muro cortina y cerramientos del pabell\\u00f3n Fira 2 dise\\u00f1ado por el arquitecto Toyo Ito&quot;},{&quot;src&quot;:&quot;https:\\\/\\\/www.garciafaura.com\\\/wp-content\\\/uploads\\\/2018\\\/11\\\/Fira-de-Barcelona-08.jpg&quot;,&quot;title&quot;:&quot;Muro cortina y cerramientos del pabell\\u00f3n Fira 2 dise\\u00f1ado por el arquitecto Toyo Ito&quot;},{&quot;src&quot;:&quot;https:\\\/\\\/www.garciafaura.com\\\/wp-content\\\/uploads\\\/2018\\\/11\\\/Fira-de-Barcelona-07.jpg&quot;,&quot;title&quot;:&quot;Muro cortina y cerramientos del pabell\\u00f3n Fira 2 dise\\u00f1ado por el arquitecto Toyo Ito&quot;},{&quot;src&quot;:&quot;https:\\\/\\\/www.garciafaura.com\\\/wp-content\\\/uploads\\\/2018\\\/11\\\/Fira-de-Barcelona-06.jpg&quot;,&quot;title&quot;:&quot;Muro cortina y cerramientos del pabell\\u00f3n Fira 2 dise\\u00f1ado por el arquitecto Toyo Ito&quot;},{&quot;src&quot;:&quot;https:\\\/\\\/www.garciafaura.com\\\/wp-content\\\/uploads\\\/2018\\\/11\\\/Fira-de-Barcelona-05.jpg&quot;,&quot;title&quot;:&quot;Muro cortina y cerramientos del pabell\\u00f3n Fira 2 dise\\u00f1ado por el arquitecto Toyo Ito&quot;},{&quot;src&quot;:&quot;https:\\\/\\\/www.garciafaura.com\\\/wp-content\\\/uploads\\\/2018\\\/11\\\/Fira-de-Barcelona-04.jpg&quot;,&quot;title&quot;:&quot;Muro cortina y cerramientos del pabell\\u00f3n Fira 2 dise\\u00f1ado por el arquitecto Toyo Ito&quot;},{&quot;src&quot;:&quot;https:\\\/\\\/www.garciafaura.com\\\/wp-content\\\/uploads\\\/2018\\\/11\\\/Fira-de-Barcelona-03.jpg&quot;,&quot;title&quot;:&quot;Muro cortina y cerramientos del pabell\\u00f3n Fira 2 dise\\u00f1ado por el arquitecto Toyo Ito&quot;},{&quot;src&quot;:&quot;https:\\\/\\\/www.garciafaura.com\\\/wp-content\\\/uploads\\\/2018\\\/11\\\/Fira-de-Barcelona-02.jpg&quot;,&quot;title&quot;:&quot;Muro cortina y cerramientos del pabell\\u00f3n Fira 2 dise\\u00f1ado por el arquitecto Toyo Ito&quot;}]\"><img loading=\"lazy\" decoding=\"async\" data-no-lazy=\"1\" class=\"portfolio-entry-img skip-lazy\" src=\"https:\/\/www.garciafaura.com\/wp-content\/uploads\/2018\/11\/Fira-de-Barcelona-00-600x314.jpg\" alt=\"Muro Cortina Y Cerramientos Del Pabell\u00f3n Fira 2 Dise\u00f1ado Por El Arquitecto Toyo Ito\" data-no-retina width=\"600\" height=\"314\" \/><\/a><\/div><div class=\"portfolio-entry-details entry-details wpex-clr\"><h2 class=\"portfolio-entry-title entry-title\"><a href=\"https:\/\/www.garciafaura.com\/es\/portfolio-item\/fira-barcelona-gran-via\/\" title=\"Fira Barcelona Gran Via\">Fira Barcelona Gran Via<\/a><\/h2><div class=\"portfolio-entry-categories entry-categories wpex-clr\"><a href=\"https:\/\/www.garciafaura.com\/es\/portfolio-category\/edificios-de-servicios\/\" class=\"term-49\">Edificios de Servicios<\/a><\/div><\/div><\/div><\/div><div class=\"portfolio-entry vcex-grid-item entry-has-details span_1_of_3 col col-3 vcex-isotope-entry vcex-no-margin-entry post-18361 entry type-portfolio has-media cat-49 translation_priority-6\"><div class=\"portfolio-entry-inner entry-inner wpex-clr\"><div class=\"portfolio-entry-media entry-media wpex-clr\"><a href=\"https:\/\/www.garciafaura.com\/wp-content\/uploads\/2018\/11\/Piscina-Espanya-Industrial-04.jpg\" title=\"Piscina Espa\u00f1a Industrial\" class=\"portfolio-entry-media-link wpex-lightbox-gallery\" data-gallery=\"[{&quot;src&quot;:&quot;https:\\\/\\\/www.garciafaura.com\\\/wp-content\\\/uploads\\\/2018\\\/11\\\/Piscina-Espanya-Industrial-01.jpg&quot;,&quot;title&quot;:&quot;Conjunto de cerramientos de la nueva piscina del Parque de la Espa\\u00f1a Industrial de Barcelona&quot;},{&quot;src&quot;:&quot;https:\\\/\\\/www.garciafaura.com\\\/wp-content\\\/uploads\\\/2018\\\/11\\\/Piscina-Espanya-Industrial-04.jpg&quot;,&quot;title&quot;:&quot;Conjunto de cerramientos de la nueva piscina del Parque de la Espa\\u00f1a Industrial de Barcelona&quot;},{&quot;src&quot;:&quot;https:\\\/\\\/www.garciafaura.com\\\/wp-content\\\/uploads\\\/2018\\\/11\\\/Piscina-Espanya-Industrial-03.jpg&quot;,&quot;title&quot;:&quot;Conjunto de cerramientos de la nueva piscina del Parque de la Espa\\u00f1a Industrial de Barcelona&quot;},{&quot;src&quot;:&quot;https:\\\/\\\/www.garciafaura.com\\\/wp-content\\\/uploads\\\/2018\\\/11\\\/Piscina-Espanya-Industrial-02.jpg&quot;,&quot;title&quot;:&quot;Conjunto de cerramientos de la nueva piscina del Parque de la Espa\\u00f1a Industrial de Barcelona&quot;}]\"><img decoding=\"async\" data-no-lazy=\"1\" class=\"portfolio-entry-img skip-lazy\" src=\"https:\/\/www.garciafaura.com\/wp-content\/uploads\/2018\/11\/Piscina-Espanya-Industrial-04-x.jpg\" alt=\"Conjunto De Cerramientos De La Nueva Piscina Del Parque De La Espa\u00f1a Industrial De Barcelona\" data-no-retina \/><\/a><\/div><div class=\"portfolio-entry-details entry-details wpex-clr\"><h2 class=\"portfolio-entry-title entry-title\"><a href=\"https:\/\/www.garciafaura.com\/es\/portfolio-item\/piscina-espana-industrial\/\" title=\"Piscina Espa\u00f1a Industrial\">Piscina Espa\u00f1a Industrial<\/a><\/h2><div class=\"portfolio-entry-categories entry-categories wpex-clr\"><a href=\"https:\/\/www.garciafaura.com\/es\/portfolio-category\/edificios-de-servicios\/\" class=\"term-49\">Edificios de Servicios<\/a><\/div><\/div><\/div><\/div><div class=\"portfolio-entry vcex-grid-item entry-has-details span_1_of_3 col col-1 vcex-isotope-entry vcex-no-margin-entry post-18358 entry type-portfolio has-media cat-49 cat-51 translation_priority-6\"><div class=\"portfolio-entry-inner entry-inner wpex-clr\"><div class=\"portfolio-entry-media entry-media wpex-clr\"><a href=\"https:\/\/www.garciafaura.com\/wp-content\/uploads\/2018\/11\/BMW-Tarragona-01.jpg\" title=\"BMW Tarragona\" class=\"portfolio-entry-media-link wpex-lightbox-gallery\" data-gallery=\"[{&quot;src&quot;:&quot;https:\\\/\\\/www.garciafaura.com\\\/wp-content\\\/uploads\\\/2018\\\/11\\\/BMW-Tarragona-01.jpg&quot;,&quot;title&quot;:&quot;Nuevo concesionario de la marca BMW en Tarragona&quot;},{&quot;src&quot;:&quot;https:\\\/\\\/www.garciafaura.com\\\/wp-content\\\/uploads\\\/2018\\\/11\\\/BMW-Tarragona-07.jpg&quot;,&quot;title&quot;:&quot;Nuevo concesionario de la marca BMW en Tarragona&quot;},{&quot;src&quot;:&quot;https:\\\/\\\/www.garciafaura.com\\\/wp-content\\\/uploads\\\/2018\\\/11\\\/BMW-Tarragona-06.jpg&quot;,&quot;title&quot;:&quot;Nuevo concesionario de la marca BMW en Tarragona&quot;},{&quot;src&quot;:&quot;https:\\\/\\\/www.garciafaura.com\\\/wp-content\\\/uploads\\\/2018\\\/11\\\/BMW-Tarragona-05.jpg&quot;,&quot;title&quot;:&quot;Nuevo concesionario de la marca BMW en Tarragona&quot;},{&quot;src&quot;:&quot;https:\\\/\\\/www.garciafaura.com\\\/wp-content\\\/uploads\\\/2018\\\/11\\\/BMW-Tarragona-04.jpg&quot;,&quot;title&quot;:&quot;Nuevo concesionario de la marca BMW en Tarragona&quot;},{&quot;src&quot;:&quot;https:\\\/\\\/www.garciafaura.com\\\/wp-content\\\/uploads\\\/2018\\\/11\\\/BMW-Tarragona-03.jpg&quot;,&quot;title&quot;:&quot;Nuevo concesionario de la marca BMW en Tarragona&quot;},{&quot;src&quot;:&quot;https:\\\/\\\/www.garciafaura.com\\\/wp-content\\\/uploads\\\/2018\\\/11\\\/BMW-Tarragona-02.jpg&quot;,&quot;title&quot;:&quot;Nuevo concesionario de la marca BMW en Tarragona&quot;}]\"><img loading=\"lazy\" decoding=\"async\" data-no-lazy=\"1\" class=\"portfolio-entry-img skip-lazy\" src=\"https:\/\/www.garciafaura.com\/wp-content\/uploads\/2018\/11\/BMW-Tarragona-01-600x314.jpg\" alt=\"Nuevo Concesionario De La Marca BMW En Tarragona\" data-no-retina width=\"600\" height=\"314\" \/><\/a><\/div><div class=\"portfolio-entry-details entry-details wpex-clr\"><h2 class=\"portfolio-entry-title entry-title\"><a href=\"https:\/\/www.garciafaura.com\/es\/portfolio-item\/bmw-tarragona\/\" title=\"BMW Tarragona\">BMW Tarragona<\/a><\/h2><div class=\"portfolio-entry-categories entry-categories wpex-clr\"><a href=\"https:\/\/www.garciafaura.com\/es\/portfolio-category\/edificios-de-servicios\/\" class=\"term-49\">Edificios de Servicios<\/a><\/div><\/div><\/div><\/div><div class=\"portfolio-entry vcex-grid-item entry-has-details span_1_of_3 col col-2 vcex-isotope-entry vcex-no-margin-entry post-18352 entry type-portfolio has-media cat-49 cat-50 cat-118 cat-119 translation_priority-6\"><div class=\"portfolio-entry-inner entry-inner wpex-clr\"><div class=\"portfolio-entry-media entry-media wpex-clr\"><a href=\"https:\/\/www.garciafaura.com\/wp-content\/uploads\/2019\/03\/CiutatJusticia.jpg\" title=\"Ciudad de la Justicia de Barcelona\" class=\"portfolio-entry-media-link wpex-lightbox-gallery\" data-gallery=\"[{&quot;src&quot;:&quot;https:\\\/\\\/www.garciafaura.com\\\/wp-content\\\/uploads\\\/2018\\\/11\\\/Ciutat-de-la-Justi\\u0301cia-01.jpg&quot;,&quot;title&quot;:&quot;M\\u00e1s de 12.000 ventanas para el complejo judicial dise\\u00f1ado por David Chipperfield&quot;},{&quot;src&quot;:&quot;https:\\\/\\\/www.garciafaura.com\\\/wp-content\\\/uploads\\\/2018\\\/11\\\/Ciutat-de-la-Justi\\u0301cia-16.jpg&quot;,&quot;title&quot;:&quot;M\\u00e1s de 12.000 ventanas para el complejo judicial dise\\u00f1ado por David Chipperfield&quot;},{&quot;src&quot;:&quot;https:\\\/\\\/www.garciafaura.com\\\/wp-content\\\/uploads\\\/2018\\\/11\\\/Ciutat-de-la-Justi\\u0301cia-15.jpg&quot;,&quot;title&quot;:&quot;M\\u00e1s de 12.000 ventanas para el complejo judicial dise\\u00f1ado por David Chipperfield&quot;},{&quot;src&quot;:&quot;https:\\\/\\\/www.garciafaura.com\\\/wp-content\\\/uploads\\\/2018\\\/11\\\/Ciutat-de-la-Justi\\u0301cia-14.jpg&quot;,&quot;title&quot;:&quot;M\\u00e1s de 12.000 ventanas para el complejo judicial dise\\u00f1ado por David Chipperfield&quot;},{&quot;src&quot;:&quot;https:\\\/\\\/www.garciafaura.com\\\/wp-content\\\/uploads\\\/2018\\\/11\\\/Ciutat-de-la-Justi\\u0301cia-13.jpg&quot;,&quot;title&quot;:&quot;M\\u00e1s de 12.000 ventanas para el complejo judicial dise\\u00f1ado por David Chipperfield&quot;},{&quot;src&quot;:&quot;https:\\\/\\\/www.garciafaura.com\\\/wp-content\\\/uploads\\\/2018\\\/11\\\/Ciutat-de-la-Justi\\u0301cia-12.jpg&quot;,&quot;title&quot;:&quot;M\\u00e1s de 12.000 ventanas para el complejo judicial dise\\u00f1ado por David Chipperfield&quot;},{&quot;src&quot;:&quot;https:\\\/\\\/www.garciafaura.com\\\/wp-content\\\/uploads\\\/2018\\\/11\\\/Ciutat-de-la-Justi\\u0301cia-11.jpg&quot;,&quot;title&quot;:&quot;M\\u00e1s de 12.000 ventanas para el complejo judicial dise\\u00f1ado por David Chipperfield&quot;},{&quot;src&quot;:&quot;https:\\\/\\\/www.garciafaura.com\\\/wp-content\\\/uploads\\\/2018\\\/11\\\/Ciutat-de-la-Justi\\u0301cia-10.jpg&quot;,&quot;title&quot;:&quot;M\\u00e1s de 12.000 ventanas para el complejo judicial dise\\u00f1ado por David Chipperfield&quot;},{&quot;src&quot;:&quot;https:\\\/\\\/www.garciafaura.com\\\/wp-content\\\/uploads\\\/2018\\\/11\\\/Ciutat-de-la-Justi\\u0301cia-09.jpg&quot;,&quot;title&quot;:&quot;M\\u00e1s de 12.000 ventanas para el complejo judicial dise\\u00f1ado por David Chipperfield&quot;},{&quot;src&quot;:&quot;https:\\\/\\\/www.garciafaura.com\\\/wp-content\\\/uploads\\\/2018\\\/11\\\/Ciutat-de-la-Justi\\u0301cia-08.jpg&quot;,&quot;title&quot;:&quot;M\\u00e1s de 12.000 ventanas para el complejo judicial dise\\u00f1ado por David Chipperfield&quot;},{&quot;src&quot;:&quot;https:\\\/\\\/www.garciafaura.com\\\/wp-content\\\/uploads\\\/2018\\\/11\\\/Ciutat-de-la-Justi\\u0301cia-07.jpg&quot;,&quot;title&quot;:&quot;M\\u00e1s de 12.000 ventanas para el complejo judicial dise\\u00f1ado por David Chipperfield&quot;},{&quot;src&quot;:&quot;https:\\\/\\\/www.garciafaura.com\\\/wp-content\\\/uploads\\\/2018\\\/11\\\/Ciutat-de-la-Justi\\u0301cia-06.jpg&quot;,&quot;title&quot;:&quot;M\\u00e1s de 12.000 ventanas para el complejo judicial dise\\u00f1ado por David Chipperfield&quot;},{&quot;src&quot;:&quot;https:\\\/\\\/www.garciafaura.com\\\/wp-content\\\/uploads\\\/2018\\\/11\\\/Ciutat-de-la-Justi\\u0301cia-05.jpg&quot;,&quot;title&quot;:&quot;M\\u00e1s de 12.000 ventanas para el complejo judicial dise\\u00f1ado por David Chipperfield&quot;},{&quot;src&quot;:&quot;https:\\\/\\\/www.garciafaura.com\\\/wp-content\\\/uploads\\\/2018\\\/11\\\/Ciutat-de-la-Justi\\u0301cia-04.jpg&quot;,&quot;title&quot;:&quot;M\\u00e1s de 12.000 ventanas para el complejo judicial dise\\u00f1ado por David Chipperfield&quot;},{&quot;src&quot;:&quot;https:\\\/\\\/www.garciafaura.com\\\/wp-content\\\/uploads\\\/2018\\\/11\\\/Ciutat-de-la-Justi\\u0301cia-03.jpg&quot;,&quot;title&quot;:&quot;M\\u00e1s de 12.000 ventanas para el complejo judicial dise\\u00f1ado por David Chipperfield&quot;},{&quot;src&quot;:&quot;https:\\\/\\\/www.garciafaura.com\\\/wp-content\\\/uploads\\\/2018\\\/11\\\/Ciutat-de-la-Justi\\u0301cia-02.jpg&quot;,&quot;title&quot;:&quot;M\\u00e1s de 12.000 ventanas para el complejo judicial dise\\u00f1ado por David Chipperfield&quot;}]\"><img loading=\"lazy\" decoding=\"async\" data-no-lazy=\"1\" class=\"portfolio-entry-img skip-lazy\" src=\"https:\/\/www.garciafaura.com\/wp-content\/uploads\/2019\/03\/CiutatJusticia-600x314.jpg\" alt='' data-no-retina width=\"600\" height=\"314\" \/><\/a><\/div><div class=\"portfolio-entry-details entry-details wpex-clr\"><h2 class=\"portfolio-entry-title entry-title\"><a href=\"https:\/\/www.garciafaura.com\/es\/portfolio-item\/ciudad-de-la-justicia-de-barcelona\/\" title=\"Ciudad de la Justicia de Barcelona\">Ciudad de la Justicia de Barcelona<\/a><\/h2><div class=\"portfolio-entry-categories entry-categories wpex-clr\"><a href=\"https:\/\/www.garciafaura.com\/es\/portfolio-category\/edificios-de-servicios\/\" class=\"term-49\">Edificios de Servicios<\/a><\/div><\/div><\/div><\/div><div class=\"portfolio-entry vcex-grid-item entry-has-details span_1_of_3 col col-3 vcex-isotope-entry vcex-no-margin-entry post-18335 entry type-portfolio has-media cat-49 translation_priority-6\"><div class=\"portfolio-entry-inner entry-inner wpex-clr\"><div class=\"portfolio-entry-media entry-media wpex-clr\"><a href=\"https:\/\/www.garciafaura.com\/wp-content\/uploads\/2018\/11\/Centre-Esportiu-Sant-Celoni-01.jpg\" title=\"Centro Deportivo de Sant Celoni\" class=\"portfolio-entry-media-link wpex-lightbox-gallery\" data-gallery=\"[{&quot;src&quot;:&quot;https:\\\/\\\/www.garciafaura.com\\\/wp-content\\\/uploads\\\/2018\\\/11\\\/Centre-Esportiu-Sant-Celoni-01.jpg&quot;,&quot;title&quot;:&quot;Arquitectura en aluminio y vidrio del centro municipal de deportes Sot de les Granotes&quot;},{&quot;src&quot;:&quot;https:\\\/\\\/www.garciafaura.com\\\/wp-content\\\/uploads\\\/2018\\\/11\\\/Centre-Esportiu-Sant-Celoni-10.jpg&quot;,&quot;title&quot;:&quot;Arquitectura en aluminio y vidrio del centro municipal de deportes Sot de les Granotes&quot;},{&quot;src&quot;:&quot;https:\\\/\\\/www.garciafaura.com\\\/wp-content\\\/uploads\\\/2018\\\/11\\\/Centre-Esportiu-Sant-Celoni-09.jpg&quot;,&quot;title&quot;:&quot;Arquitectura en aluminio y vidrio del centro municipal de deportes Sot de les Granotes&quot;},{&quot;src&quot;:&quot;https:\\\/\\\/www.garciafaura.com\\\/wp-content\\\/uploads\\\/2018\\\/11\\\/Centre-Esportiu-Sant-Celoni-07.jpg&quot;,&quot;title&quot;:&quot;Arquitectura en aluminio y vidrio del centro municipal de deportes Sot de les Granotes&quot;},{&quot;src&quot;:&quot;https:\\\/\\\/www.garciafaura.com\\\/wp-content\\\/uploads\\\/2018\\\/11\\\/Centre-Esportiu-Sant-Celoni-08.jpg&quot;,&quot;title&quot;:&quot;Arquitectura en aluminio y vidrio del centro municipal de deportes Sot de les Granotes&quot;},{&quot;src&quot;:&quot;https:\\\/\\\/www.garciafaura.com\\\/wp-content\\\/uploads\\\/2018\\\/11\\\/Centre-Esportiu-Sant-Celoni-06.jpg&quot;,&quot;title&quot;:&quot;Arquitectura en aluminio y vidrio del centro municipal de deportes Sot de les Granotes&quot;},{&quot;src&quot;:&quot;https:\\\/\\\/www.garciafaura.com\\\/wp-content\\\/uploads\\\/2018\\\/11\\\/Centre-Esportiu-Sant-Celoni-05.jpg&quot;,&quot;title&quot;:&quot;Arquitectura en aluminio y vidrio del centro municipal de deportes Sot de les Granotes&quot;},{&quot;src&quot;:&quot;https:\\\/\\\/www.garciafaura.com\\\/wp-content\\\/uploads\\\/2018\\\/11\\\/Centre-Esportiu-Sant-Celoni-04.jpg&quot;,&quot;title&quot;:&quot;Arquitectura en aluminio y vidrio del centro municipal de deportes Sot de les Granotes&quot;},{&quot;src&quot;:&quot;https:\\\/\\\/www.garciafaura.com\\\/wp-content\\\/uploads\\\/2018\\\/11\\\/Centre-Esportiu-Sant-Celoni-03.jpg&quot;,&quot;title&quot;:&quot;Arquitectura en aluminio y vidrio del centro municipal de deportes Sot de les Granotes&quot;},{&quot;src&quot;:&quot;https:\\\/\\\/www.garciafaura.com\\\/wp-content\\\/uploads\\\/2018\\\/11\\\/Centre-Esportiu-Sant-Celoni-02.jpg&quot;,&quot;title&quot;:&quot;Arquitectura en aluminio y vidrio del centro municipal de deportes Sot de les Granotes&quot;}]\"><img decoding=\"async\" data-no-lazy=\"1\" class=\"portfolio-entry-img skip-lazy\" src=\"https:\/\/www.garciafaura.com\/wp-content\/uploads\/2018\/11\/Centre-Esportiu-Sant-Celoni-01-x.jpg\" alt=\"Arquitectura En Aluminio Y Vidrio Del Centro Municipal De Deportes Sot De Les Granotes\" data-no-retina \/><\/a><\/div><div class=\"portfolio-entry-details entry-details wpex-clr\"><h2 class=\"portfolio-entry-title entry-title\"><a href=\"https:\/\/www.garciafaura.com\/es\/portfolio-item\/centro-deportivo-de-sant-celoni\/\" title=\"Centro Deportivo de Sant Celoni\">Centro Deportivo de Sant Celoni<\/a><\/h2><div class=\"portfolio-entry-categories entry-categories wpex-clr\"><a href=\"https:\/\/www.garciafaura.com\/es\/portfolio-category\/edificios-de-servicios\/\" class=\"term-49\">Edificios de Servicios<\/a><\/div><\/div><\/div><\/div><div class=\"portfolio-entry vcex-grid-item entry-has-details span_1_of_3 col col-1 vcex-isotope-entry vcex-no-margin-entry post-18332 entry type-portfolio has-media cat-49 translation_priority-6\"><div class=\"portfolio-entry-inner entry-inner wpex-clr\"><div class=\"portfolio-entry-media entry-media wpex-clr\"><a href=\"https:\/\/www.garciafaura.com\/wp-content\/uploads\/2018\/11\/Piscina-Municipal-Tiana-06.jpg\" title=\"Piscina Municipal de Tiana\" class=\"portfolio-entry-media-link wpex-lightbox-gallery\" data-gallery=\"[{&quot;src&quot;:&quot;https:\\\/\\\/www.garciafaura.com\\\/wp-content\\\/uploads\\\/2018\\\/11\\\/Piscina-Municipal-Tiana-01.jpg&quot;,&quot;title&quot;:&quot;Arquitectura en aluminio del centro deportivo municipal Jordi Mar\\u00ed de Tiana&quot;},{&quot;src&quot;:&quot;https:\\\/\\\/www.garciafaura.com\\\/wp-content\\\/uploads\\\/2018\\\/11\\\/Piscina-Municipal-Tiana-06.jpg&quot;,&quot;title&quot;:&quot;Arquitectura en aluminio del centro deportivo municipal Jordi Mar\\u00ed de Tiana&quot;},{&quot;src&quot;:&quot;https:\\\/\\\/www.garciafaura.com\\\/wp-content\\\/uploads\\\/2018\\\/11\\\/Piscina-Municipal-Tiana-05.jpg&quot;,&quot;title&quot;:&quot;Arquitectura en aluminio del centro deportivo municipal Jordi Mar\\u00ed de Tiana&quot;},{&quot;src&quot;:&quot;https:\\\/\\\/www.garciafaura.com\\\/wp-content\\\/uploads\\\/2018\\\/11\\\/Piscina-Municipal-Tiana-04.jpg&quot;,&quot;title&quot;:&quot;Arquitectura en aluminio del centro deportivo municipal Jordi Mar\\u00ed de Tiana&quot;},{&quot;src&quot;:&quot;https:\\\/\\\/www.garciafaura.com\\\/wp-content\\\/uploads\\\/2018\\\/11\\\/Piscina-Municipal-Tiana-03.jpg&quot;,&quot;title&quot;:&quot;Arquitectura en aluminio del centro deportivo municipal Jordi Mar\\u00ed de Tiana&quot;},{&quot;src&quot;:&quot;https:\\\/\\\/www.garciafaura.com\\\/wp-content\\\/uploads\\\/2018\\\/11\\\/Piscina-Municipal-Tiana-02.jpg&quot;,&quot;title&quot;:&quot;Arquitectura en aluminio del centro deportivo municipal Jordi Mar\\u00ed de Tiana&quot;}]\"><img decoding=\"async\" data-no-lazy=\"1\" class=\"portfolio-entry-img skip-lazy\" src=\"https:\/\/www.garciafaura.com\/wp-content\/uploads\/2018\/11\/Piscina-Municipal-Tiana-06-x.jpg\" alt=\"Arquitectura En Aluminio Del Centro Deportivo Municipal Jordi Mar\u00ed De Tiana\" data-no-retina \/><\/a><\/div><div class=\"portfolio-entry-details entry-details wpex-clr\"><h2 class=\"portfolio-entry-title entry-title\"><a href=\"https:\/\/www.garciafaura.com\/es\/portfolio-item\/piscina-municipal-de-tiana\/\" title=\"Piscina Municipal de Tiana\">Piscina Municipal de Tiana<\/a><\/h2><div class=\"portfolio-entry-categories entry-categories wpex-clr\"><a href=\"https:\/\/www.garciafaura.com\/es\/portfolio-category\/edificios-de-servicios\/\" class=\"term-49\">Edificios de Servicios<\/a><\/div><\/div><\/div><\/div><div class=\"portfolio-entry vcex-grid-item entry-has-details span_1_of_3 col col-2 vcex-isotope-entry vcex-no-margin-entry post-18262 entry type-portfolio has-media cat-49 translation_priority-6\"><div class=\"portfolio-entry-inner entry-inner wpex-clr\"><div class=\"portfolio-entry-media entry-media wpex-clr\"><a href=\"https:\/\/www.garciafaura.com\/wp-content\/uploads\/2018\/11\/Centre-Penitenciari-Lledoners-02.jpg\" title=\"Centro Penitenciario Lledoners\" class=\"portfolio-entry-media-link wpex-lightbox-gallery\" data-gallery=\"[{&quot;src&quot;:&quot;https:\\\/\\\/www.garciafaura.com\\\/wp-content\\\/uploads\\\/2018\\\/11\\\/Centre-Penitenciari-Lledoners-01.jpg&quot;,&quot;title&quot;:&quot;Conjunto de cerramientos interiores y exteriores del centro penitenciario de Manresa&quot;},{&quot;src&quot;:&quot;https:\\\/\\\/www.garciafaura.com\\\/wp-content\\\/uploads\\\/2018\\\/11\\\/Centre-Penitenciari-Lledoners-16.jpg&quot;,&quot;title&quot;:&quot;Conjunto de cerramientos interiores y exteriores del centro penitenciario de Manresa&quot;},{&quot;src&quot;:&quot;https:\\\/\\\/www.garciafaura.com\\\/wp-content\\\/uploads\\\/2018\\\/11\\\/Centre-Penitenciari-Lledoners-15.jpg&quot;,&quot;title&quot;:&quot;Conjunto de cerramientos interiores y exteriores del centro penitenciario de Manresa&quot;},{&quot;src&quot;:&quot;https:\\\/\\\/www.garciafaura.com\\\/wp-content\\\/uploads\\\/2018\\\/11\\\/Centre-Penitenciari-Lledoners-14.jpg&quot;,&quot;title&quot;:&quot;Conjunto de cerramientos interiores y exteriores del centro penitenciario de Manresa&quot;},{&quot;src&quot;:&quot;https:\\\/\\\/www.garciafaura.com\\\/wp-content\\\/uploads\\\/2018\\\/11\\\/Centre-Penitenciari-Lledoners-13.jpg&quot;,&quot;title&quot;:&quot;Conjunto de cerramientos interiores y exteriores del centro penitenciario de Manresa&quot;},{&quot;src&quot;:&quot;https:\\\/\\\/www.garciafaura.com\\\/wp-content\\\/uploads\\\/2018\\\/11\\\/Centre-Penitenciari-Lledoners-12.jpg&quot;,&quot;title&quot;:&quot;Conjunto de cerramientos interiores y exteriores del centro penitenciario de Manresa&quot;},{&quot;src&quot;:&quot;https:\\\/\\\/www.garciafaura.com\\\/wp-content\\\/uploads\\\/2018\\\/11\\\/Centre-Penitenciari-Lledoners-11.jpg&quot;,&quot;title&quot;:&quot;Conjunto de cerramientos interiores y exteriores del centro penitenciario de Manresa&quot;},{&quot;src&quot;:&quot;https:\\\/\\\/www.garciafaura.com\\\/wp-content\\\/uploads\\\/2018\\\/11\\\/Centre-Penitenciari-Lledoners-10.jpg&quot;,&quot;title&quot;:&quot;Conjunto de cerramientos interiores y exteriores del centro penitenciario de Manresa&quot;},{&quot;src&quot;:&quot;https:\\\/\\\/www.garciafaura.com\\\/wp-content\\\/uploads\\\/2018\\\/11\\\/Centre-Penitenciari-Lledoners-09.jpg&quot;,&quot;title&quot;:&quot;Conjunto de cerramientos interiores y exteriores del centro penitenciario de Manresa&quot;},{&quot;src&quot;:&quot;https:\\\/\\\/www.garciafaura.com\\\/wp-content\\\/uploads\\\/2018\\\/11\\\/Centre-Penitenciari-Lledoners-08.jpg&quot;,&quot;title&quot;:&quot;Conjunto de cerramientos interiores y exteriores del centro penitenciario de Manresa&quot;},{&quot;src&quot;:&quot;https:\\\/\\\/www.garciafaura.com\\\/wp-content\\\/uploads\\\/2018\\\/11\\\/Centre-Penitenciari-Lledoners-07.jpg&quot;,&quot;title&quot;:&quot;Conjunto de cerramientos interiores y exteriores del centro penitenciario de Manresa&quot;},{&quot;src&quot;:&quot;https:\\\/\\\/www.garciafaura.com\\\/wp-content\\\/uploads\\\/2018\\\/11\\\/Centre-Penitenciari-Lledoners-06.jpg&quot;,&quot;title&quot;:&quot;Conjunto de cerramientos interiores y exteriores del centro penitenciario de Manresa&quot;},{&quot;src&quot;:&quot;https:\\\/\\\/www.garciafaura.com\\\/wp-content\\\/uploads\\\/2018\\\/11\\\/Centre-Penitenciari-Lledoners-05.jpg&quot;,&quot;title&quot;:&quot;Conjunto de cerramientos interiores y exteriores del centro penitenciario de Manresa&quot;},{&quot;src&quot;:&quot;https:\\\/\\\/www.garciafaura.com\\\/wp-content\\\/uploads\\\/2018\\\/11\\\/Centre-Penitenciari-Lledoners-04.jpg&quot;,&quot;title&quot;:&quot;Conjunto de cerramientos interiores y exteriores del centro penitenciario de Manresa&quot;},{&quot;src&quot;:&quot;https:\\\/\\\/www.garciafaura.com\\\/wp-content\\\/uploads\\\/2018\\\/11\\\/Centre-Penitenciari-Lledoners-03.jpg&quot;,&quot;title&quot;:&quot;Conjunto de cerramientos interiores y exteriores del centro penitenciario de Manresa&quot;},{&quot;src&quot;:&quot;https:\\\/\\\/www.garciafaura.com\\\/wp-content\\\/uploads\\\/2018\\\/11\\\/Centre-Penitenciari-Lledoners-02.jpg&quot;,&quot;title&quot;:&quot;Conjunto de cerramientos interiores y exteriores del centro penitenciario de Manresa&quot;}]\"><img decoding=\"async\" data-no-lazy=\"1\" class=\"portfolio-entry-img skip-lazy\" src=\"https:\/\/www.garciafaura.com\/wp-content\/uploads\/2018\/11\/Centre-Penitenciari-Lledoners-02-x.jpg\" alt=\"Conjunto De Cerramientos Interiores Y Exteriores Del Centro Penitenciario De Manresa\" data-no-retina \/><\/a><\/div><div class=\"portfolio-entry-details entry-details wpex-clr\"><h2 class=\"portfolio-entry-title entry-title\"><a href=\"https:\/\/www.garciafaura.com\/es\/portfolio-item\/centro-penitenciario-lledoners\/\" title=\"Centro Penitenciario Lledoners\">Centro Penitenciario Lledoners<\/a><\/h2><div class=\"portfolio-entry-categories entry-categories wpex-clr\"><a href=\"https:\/\/www.garciafaura.com\/es\/portfolio-category\/edificios-de-servicios\/\" class=\"term-49\">Edificios de Servicios<\/a><\/div><\/div><\/div><\/div><div class=\"portfolio-entry vcex-grid-item entry-has-details span_1_of_3 col col-3 vcex-isotope-entry vcex-no-margin-entry post-18259 entry type-portfolio has-media cat-49 translation_priority-6\"><div class=\"portfolio-entry-inner entry-inner wpex-clr\"><div class=\"portfolio-entry-media entry-media wpex-clr\"><a href=\"https:\/\/www.garciafaura.com\/wp-content\/uploads\/2018\/11\/Centre-Penintenciari-Figueres-03.jpg\" title=\"Centro Penitenciario de Figueres\" class=\"portfolio-entry-media-link wpex-lightbox-gallery\" data-gallery=\"[{&quot;src&quot;:&quot;https:\\\/\\\/www.garciafaura.com\\\/wp-content\\\/uploads\\\/2018\\\/11\\\/Centre-Penintenciari-Figueres-01.jpg&quot;,&quot;title&quot;:&quot;Conjunto de cerramientos interiores y exteriores del nuevo centro penitenciario de Catalunya&quot;},{&quot;src&quot;:&quot;https:\\\/\\\/www.garciafaura.com\\\/wp-content\\\/uploads\\\/2018\\\/11\\\/Centre-Penintenciari-Figueres-04.jpg&quot;,&quot;title&quot;:&quot;Conjunto de cerramientos interiores y exteriores del nuevo centro penitenciario de Catalunya&quot;},{&quot;src&quot;:&quot;https:\\\/\\\/www.garciafaura.com\\\/wp-content\\\/uploads\\\/2018\\\/11\\\/Centre-Penintenciari-Figueres-03.jpg&quot;,&quot;title&quot;:&quot;Conjunto de cerramientos interiores y exteriores del nuevo centro penitenciario de Catalunya&quot;},{&quot;src&quot;:&quot;https:\\\/\\\/www.garciafaura.com\\\/wp-content\\\/uploads\\\/2018\\\/11\\\/Centre-Penintenciari-Figueres-02.jpg&quot;,&quot;title&quot;:&quot;Conjunto de cerramientos interiores y exteriores del nuevo centro penitenciario de Catalunya&quot;}]\"><img decoding=\"async\" data-no-lazy=\"1\" class=\"portfolio-entry-img skip-lazy\" src=\"https:\/\/www.garciafaura.com\/wp-content\/uploads\/2018\/11\/Centre-Penintenciari-Figueres-03-x.jpg\" alt=\"Conjunto De Cerramientos Interiores Y Exteriores Del Nuevo Centro Penitenciario De Catalunya\" data-no-retina \/><\/a><\/div><div class=\"portfolio-entry-details entry-details wpex-clr\"><h2 class=\"portfolio-entry-title entry-title\"><a href=\"https:\/\/www.garciafaura.com\/es\/portfolio-item\/centro-penitenciario-de-figueres\/\" title=\"Centro Penitenciario de Figueres\">Centro Penitenciario de Figueres<\/a><\/h2><div class=\"portfolio-entry-categories entry-categories wpex-clr\"><a href=\"https:\/\/www.garciafaura.com\/es\/portfolio-category\/edificios-de-servicios\/\" class=\"term-49\">Edificios de Servicios<\/a><\/div><\/div><\/div><\/div><div class=\"portfolio-entry vcex-grid-item entry-has-details span_1_of_3 col col-1 vcex-isotope-entry vcex-no-margin-entry post-18256 entry type-portfolio has-media cat-49 translation_priority-6\"><div class=\"portfolio-entry-inner entry-inner wpex-clr\"><div class=\"portfolio-entry-media entry-media wpex-clr\"><a href=\"https:\/\/www.garciafaura.com\/wp-content\/uploads\/2018\/11\/Hospital-General-de-Sant-Boi-01.jpg\" title=\"Hospital General de Sant Boi de Llobregat\" class=\"portfolio-entry-media-link wpex-lightbox-gallery\" data-gallery=\"[{&quot;src&quot;:&quot;https:\\\/\\\/www.garciafaura.com\\\/wp-content\\\/uploads\\\/2018\\\/11\\\/Hospital-General-de-Sant-Boi-01.jpg&quot;,&quot;title&quot;:&quot;Fabricaci\\u00f3n e instalaci\\u00f3n de 6 muros cortina y 500 ventanas del nuevo hospital general metropolitano&quot;},{&quot;src&quot;:&quot;https:\\\/\\\/www.garciafaura.com\\\/wp-content\\\/uploads\\\/2018\\\/11\\\/Hospital-General-de-Sant-Boi-32.jpg&quot;,&quot;title&quot;:&quot;Fabricaci\\u00f3n e instalaci\\u00f3n de 6 muros cortina y 500 ventanas del nuevo hospital general metropolitano&quot;},{&quot;src&quot;:&quot;https:\\\/\\\/www.garciafaura.com\\\/wp-content\\\/uploads\\\/2018\\\/11\\\/Hospital-General-de-Sant-Boi-31.jpg&quot;,&quot;title&quot;:&quot;Fabricaci\\u00f3n e instalaci\\u00f3n de 6 muros cortina y 500 ventanas del nuevo hospital general metropolitano&quot;},{&quot;src&quot;:&quot;https:\\\/\\\/www.garciafaura.com\\\/wp-content\\\/uploads\\\/2018\\\/11\\\/Hospital-General-de-Sant-Boi-30.jpg&quot;,&quot;title&quot;:&quot;Fabricaci\\u00f3n e instalaci\\u00f3n de 6 muros cortina y 500 ventanas del nuevo hospital general metropolitano&quot;},{&quot;src&quot;:&quot;https:\\\/\\\/www.garciafaura.com\\\/wp-content\\\/uploads\\\/2018\\\/11\\\/Hospital-General-de-Sant-Boi-29.jpg&quot;,&quot;title&quot;:&quot;Fabricaci\\u00f3n e instalaci\\u00f3n de 6 muros cortina y 500 ventanas del nuevo hospital general metropolitano&quot;},{&quot;src&quot;:&quot;https:\\\/\\\/www.garciafaura.com\\\/wp-content\\\/uploads\\\/2018\\\/11\\\/Hospital-General-de-Sant-Boi-28.jpg&quot;,&quot;title&quot;:&quot;Fabricaci\\u00f3n e instalaci\\u00f3n de 6 muros cortina y 500 ventanas del nuevo hospital general metropolitano&quot;},{&quot;src&quot;:&quot;https:\\\/\\\/www.garciafaura.com\\\/wp-content\\\/uploads\\\/2018\\\/11\\\/Hospital-General-de-Sant-Boi-27.jpg&quot;,&quot;title&quot;:&quot;Fabricaci\\u00f3n e instalaci\\u00f3n de 6 muros cortina y 500 ventanas del nuevo hospital general metropolitano&quot;},{&quot;src&quot;:&quot;https:\\\/\\\/www.garciafaura.com\\\/wp-content\\\/uploads\\\/2018\\\/11\\\/Hospital-General-de-Sant-Boi-26.jpg&quot;,&quot;title&quot;:&quot;Fabricaci\\u00f3n e instalaci\\u00f3n de 6 muros cortina y 500 ventanas del nuevo hospital general metropolitano&quot;},{&quot;src&quot;:&quot;https:\\\/\\\/www.garciafaura.com\\\/wp-content\\\/uploads\\\/2018\\\/11\\\/Hospital-General-de-Sant-Boi-24.jpg&quot;,&quot;title&quot;:&quot;Fabricaci\\u00f3n e instalaci\\u00f3n de 6 muros cortina y 500 ventanas del nuevo hospital general metropolitano&quot;},{&quot;src&quot;:&quot;https:\\\/\\\/www.garciafaura.com\\\/wp-content\\\/uploads\\\/2018\\\/11\\\/Hospital-General-de-Sant-Boi-25.jpg&quot;,&quot;title&quot;:&quot;Fabricaci\\u00f3n e instalaci\\u00f3n de 6 muros cortina y 500 ventanas del nuevo hospital general metropolitano&quot;},{&quot;src&quot;:&quot;https:\\\/\\\/www.garciafaura.com\\\/wp-content\\\/uploads\\\/2018\\\/11\\\/Hospital-General-de-Sant-Boi-23.jpg&quot;,&quot;title&quot;:&quot;Fabricaci\\u00f3n e instalaci\\u00f3n de 6 muros cortina y 500 ventanas del nuevo hospital general metropolitano&quot;},{&quot;src&quot;:&quot;https:\\\/\\\/www.garciafaura.com\\\/wp-content\\\/uploads\\\/2018\\\/11\\\/Hospital-General-de-Sant-Boi-22.jpg&quot;,&quot;title&quot;:&quot;Fabricaci\\u00f3n e instalaci\\u00f3n de 6 muros cortina y 500 ventanas del nuevo hospital general metropolitano&quot;},{&quot;src&quot;:&quot;https:\\\/\\\/www.garciafaura.com\\\/wp-content\\\/uploads\\\/2018\\\/11\\\/Hospital-General-de-Sant-Boi-21.jpg&quot;,&quot;title&quot;:&quot;Fabricaci\\u00f3n e instalaci\\u00f3n de 6 muros cortina y 500 ventanas del nuevo hospital general metropolitano&quot;},{&quot;src&quot;:&quot;https:\\\/\\\/www.garciafaura.com\\\/wp-content\\\/uploads\\\/2018\\\/11\\\/Hospital-General-de-Sant-Boi-20.jpg&quot;,&quot;title&quot;:&quot;Fabricaci\\u00f3n e instalaci\\u00f3n de 6 muros cortina y 500 ventanas del nuevo hospital general metropolitano&quot;},{&quot;src&quot;:&quot;https:\\\/\\\/www.garciafaura.com\\\/wp-content\\\/uploads\\\/2018\\\/11\\\/Hospital-General-de-Sant-Boi-19.jpg&quot;,&quot;title&quot;:&quot;Fabricaci\\u00f3n e instalaci\\u00f3n de 6 muros cortina y 500 ventanas del nuevo hospital general metropolitano&quot;},{&quot;src&quot;:&quot;https:\\\/\\\/www.garciafaura.com\\\/wp-content\\\/uploads\\\/2018\\\/11\\\/Hospital-General-de-Sant-Boi-18.jpg&quot;,&quot;title&quot;:&quot;Fabricaci\\u00f3n e instalaci\\u00f3n de 6 muros cortina y 500 ventanas del nuevo hospital general metropolitano&quot;},{&quot;src&quot;:&quot;https:\\\/\\\/www.garciafaura.com\\\/wp-content\\\/uploads\\\/2018\\\/11\\\/Hospital-General-de-Sant-Boi-17.jpg&quot;,&quot;title&quot;:&quot;Fabricaci\\u00f3n e instalaci\\u00f3n de 6 muros cortina y 500 ventanas del nuevo hospital general metropolitano&quot;},{&quot;src&quot;:&quot;https:\\\/\\\/www.garciafaura.com\\\/wp-content\\\/uploads\\\/2018\\\/11\\\/Hospital-General-de-Sant-Boi-16.jpg&quot;,&quot;title&quot;:&quot;Fabricaci\\u00f3n e instalaci\\u00f3n de 6 muros cortina y 500 ventanas del nuevo hospital general metropolitano&quot;},{&quot;src&quot;:&quot;https:\\\/\\\/www.garciafaura.com\\\/wp-content\\\/uploads\\\/2018\\\/11\\\/Hospital-General-de-Sant-Boi-15.jpg&quot;,&quot;title&quot;:&quot;Fabricaci\\u00f3n e instalaci\\u00f3n de 6 muros cortina y 500 ventanas del nuevo hospital general metropolitano&quot;},{&quot;src&quot;:&quot;https:\\\/\\\/www.garciafaura.com\\\/wp-content\\\/uploads\\\/2018\\\/11\\\/Hospital-General-de-Sant-Boi-14.jpg&quot;,&quot;title&quot;:&quot;Fabricaci\\u00f3n e instalaci\\u00f3n de 6 muros cortina y 500 ventanas del nuevo hospital general metropolitano&quot;},{&quot;src&quot;:&quot;https:\\\/\\\/www.garciafaura.com\\\/wp-content\\\/uploads\\\/2018\\\/11\\\/Hospital-General-de-Sant-Boi-13.jpg&quot;,&quot;title&quot;:&quot;Fabricaci\\u00f3n e instalaci\\u00f3n de 6 muros cortina y 500 ventanas del nuevo hospital general metropolitano&quot;},{&quot;src&quot;:&quot;https:\\\/\\\/www.garciafaura.com\\\/wp-content\\\/uploads\\\/2018\\\/11\\\/Hospital-General-de-Sant-Boi-12.jpg&quot;,&quot;title&quot;:&quot;Fabricaci\\u00f3n e instalaci\\u00f3n de 6 muros cortina y 500 ventanas del nuevo hospital general metropolitano&quot;},{&quot;src&quot;:&quot;https:\\\/\\\/www.garciafaura.com\\\/wp-content\\\/uploads\\\/2018\\\/11\\\/Hospital-General-de-Sant-Boi-11.jpg&quot;,&quot;title&quot;:&quot;Fabricaci\\u00f3n e instalaci\\u00f3n de 6 muros cortina y 500 ventanas del nuevo hospital general metropolitano&quot;},{&quot;src&quot;:&quot;https:\\\/\\\/www.garciafaura.com\\\/wp-content\\\/uploads\\\/2018\\\/11\\\/Hospital-General-de-Sant-Boi-10.jpg&quot;,&quot;title&quot;:&quot;Fabricaci\\u00f3n e instalaci\\u00f3n de 6 muros cortina y 500 ventanas del nuevo hospital general metropolitano&quot;},{&quot;src&quot;:&quot;https:\\\/\\\/www.garciafaura.com\\\/wp-content\\\/uploads\\\/2018\\\/11\\\/Hospital-General-de-Sant-Boi-09.jpg&quot;,&quot;title&quot;:&quot;Fabricaci\\u00f3n e instalaci\\u00f3n de 6 muros cortina y 500 ventanas del nuevo hospital general metropolitano&quot;},{&quot;src&quot;:&quot;https:\\\/\\\/www.garciafaura.com\\\/wp-content\\\/uploads\\\/2018\\\/11\\\/Hospital-General-de-Sant-Boi-08.jpg&quot;,&quot;title&quot;:&quot;Fabricaci\\u00f3n e instalaci\\u00f3n de 6 muros cortina y 500 ventanas del nuevo hospital general metropolitano&quot;},{&quot;src&quot;:&quot;https:\\\/\\\/www.garciafaura.com\\\/wp-content\\\/uploads\\\/2018\\\/11\\\/Hospital-General-de-Sant-Boi-07.jpg&quot;,&quot;title&quot;:&quot;Fabricaci\\u00f3n e instalaci\\u00f3n de 6 muros cortina y 500 ventanas del nuevo hospital general metropolitano&quot;},{&quot;src&quot;:&quot;https:\\\/\\\/www.garciafaura.com\\\/wp-content\\\/uploads\\\/2018\\\/11\\\/Hospital-General-de-Sant-Boi-06.jpg&quot;,&quot;title&quot;:&quot;Fabricaci\\u00f3n e instalaci\\u00f3n de 6 muros cortina y 500 ventanas del nuevo hospital general metropolitano&quot;},{&quot;src&quot;:&quot;https:\\\/\\\/www.garciafaura.com\\\/wp-content\\\/uploads\\\/2018\\\/11\\\/Hospital-General-de-Sant-Boi-05.jpg&quot;,&quot;title&quot;:&quot;Fabricaci\\u00f3n e instalaci\\u00f3n de 6 muros cortina y 500 ventanas del nuevo hospital general metropolitano&quot;},{&quot;src&quot;:&quot;https:\\\/\\\/www.garciafaura.com\\\/wp-content\\\/uploads\\\/2018\\\/11\\\/Hospital-General-de-Sant-Boi-04.jpg&quot;,&quot;title&quot;:&quot;Fabricaci\\u00f3n e instalaci\\u00f3n de 6 muros cortina y 500 ventanas del nuevo hospital general metropolitano&quot;},{&quot;src&quot;:&quot;https:\\\/\\\/www.garciafaura.com\\\/wp-content\\\/uploads\\\/2018\\\/11\\\/Hospital-General-de-Sant-Boi-03.jpg&quot;,&quot;title&quot;:&quot;Fabricaci\\u00f3n e instalaci\\u00f3n de 6 muros cortina y 500 ventanas del nuevo hospital general metropolitano&quot;},{&quot;src&quot;:&quot;https:\\\/\\\/www.garciafaura.com\\\/wp-content\\\/uploads\\\/2018\\\/11\\\/Hospital-General-de-Sant-Boi-02.jpg&quot;,&quot;title&quot;:&quot;Fabricaci\\u00f3n e instalaci\\u00f3n de 6 muros cortina y 500 ventanas del nuevo hospital general metropolitano&quot;}]\"><img decoding=\"async\" data-no-lazy=\"1\" class=\"portfolio-entry-img skip-lazy\" src=\"https:\/\/www.garciafaura.com\/wp-content\/uploads\/2018\/11\/Hospital-General-de-Sant-Boi-01-x.jpg\" alt=\"Fabricaci\u00f3n E Instalaci\u00f3n De 6 Muros Cortina Y 500 Ventanas Del Nuevo Hospital General Metropolitano\" data-no-retina \/><\/a><\/div><div class=\"portfolio-entry-details entry-details wpex-clr\"><h2 class=\"portfolio-entry-title entry-title\"><a href=\"https:\/\/www.garciafaura.com\/es\/portfolio-item\/hospital-general-de-sant-boi-de-llobregat\/\" title=\"Hospital General de Sant Boi de Llobregat\">Hospital General de Sant Boi de Llobregat<\/a><\/h2><div class=\"portfolio-entry-categories entry-categories wpex-clr\"><a href=\"https:\/\/www.garciafaura.com\/es\/portfolio-category\/edificios-de-servicios\/\" class=\"term-49\">Edificios de Servicios<\/a><\/div><\/div><\/div><\/div><div class=\"portfolio-entry vcex-grid-item entry-has-details span_1_of_3 col col-2 vcex-isotope-entry vcex-no-margin-entry post-18238 entry type-portfolio has-media cat-49 translation_priority-6\"><div class=\"portfolio-entry-inner entry-inner wpex-clr\"><div class=\"portfolio-entry-media entry-media wpex-clr\"><a href=\"https:\/\/www.garciafaura.com\/wp-content\/uploads\/2018\/11\/Complex-esportiu-Pau-Gasol-01.jpg\" title=\"Complejo deportivo Pau Gasol\" class=\"portfolio-entry-media-link wpex-lightbox-gallery\" data-gallery=\"[{&quot;src&quot;:&quot;https:\\\/\\\/www.garciafaura.com\\\/wp-content\\\/uploads\\\/2018\\\/11\\\/Complex-esportiu-Pau-Gasol-01.jpg&quot;,&quot;title&quot;:&quot;Trabajos de vidrier\\u00eda y aluminio en el centro municipal deportivo de la ciudad de Sant Boi de Llobregat&quot;}]\"><img decoding=\"async\" data-no-lazy=\"1\" class=\"portfolio-entry-img skip-lazy\" src=\"https:\/\/www.garciafaura.com\/wp-content\/uploads\/2018\/11\/Complex-esportiu-Pau-Gasol-01-x.jpg\" alt=\"Trabajos De Vidrier\u00eda Y Aluminio En El Centro Municipal Deportivo De La Ciudad De Sant Boi De Llobregat\" data-no-retina \/><\/a><\/div><div class=\"portfolio-entry-details entry-details wpex-clr\"><h2 class=\"portfolio-entry-title entry-title\"><a href=\"https:\/\/www.garciafaura.com\/es\/portfolio-item\/complejo-deportivo-pau-gasol\/\" title=\"Complejo deportivo Pau Gasol\">Complejo deportivo Pau Gasol<\/a><\/h2><div class=\"portfolio-entry-categories entry-categories wpex-clr\"><a href=\"https:\/\/www.garciafaura.com\/es\/portfolio-category\/edificios-de-servicios\/\" class=\"term-49\">Edificios de Servicios<\/a><\/div><\/div><\/div><\/div><div class=\"portfolio-entry vcex-grid-item entry-has-details span_1_of_3 col col-3 vcex-isotope-entry vcex-no-margin-entry post-18208 entry type-portfolio has-media cat-49 translation_priority-6\"><div class=\"portfolio-entry-inner entry-inner wpex-clr\"><div class=\"portfolio-entry-media entry-media wpex-clr\"><a href=\"https:\/\/www.garciafaura.com\/wp-content\/uploads\/2018\/11\/Conservatori-Liceu-05.jpg\" title=\"Conservatorio del Liceu\" class=\"portfolio-entry-media-link wpex-lightbox-gallery\" data-gallery=\"[{&quot;src&quot;:&quot;https:\\\/\\\/www.garciafaura.com\\\/wp-content\\\/uploads\\\/2018\\\/11\\\/Conservatori-Liceu-01.jpg&quot;,&quot;title&quot;:&quot;Trabajo en vidrio realizado en base a una peculiar estructura y un gran patio de luces central, de 10 metros de di\\u00e1metro&quot;},{&quot;src&quot;:&quot;https:\\\/\\\/www.garciafaura.com\\\/wp-content\\\/uploads\\\/2018\\\/11\\\/Conservatori-Liceu-25.jpg&quot;,&quot;title&quot;:&quot;Trabajo en vidrio realizado en base a una peculiar estructura y un gran patio de luces central, de 10 metros de di\\u00e1metro&quot;},{&quot;src&quot;:&quot;https:\\\/\\\/www.garciafaura.com\\\/wp-content\\\/uploads\\\/2018\\\/11\\\/Conservatori-Liceu-24.jpg&quot;,&quot;title&quot;:&quot;Trabajo en vidrio realizado en base a una peculiar estructura y un gran patio de luces central, de 10 metros de di\\u00e1metro&quot;},{&quot;src&quot;:&quot;https:\\\/\\\/www.garciafaura.com\\\/wp-content\\\/uploads\\\/2018\\\/11\\\/Conservatori-Liceu-23.jpg&quot;,&quot;title&quot;:&quot;Trabajo en vidrio realizado en base a una peculiar estructura y un gran patio de luces central, de 10 metros de di\\u00e1metro&quot;},{&quot;src&quot;:&quot;https:\\\/\\\/www.garciafaura.com\\\/wp-content\\\/uploads\\\/2018\\\/11\\\/Conservatori-Liceu-22.jpg&quot;,&quot;title&quot;:&quot;Trabajo en vidrio realizado en base a una peculiar estructura y un gran patio de luces central, de 10 metros de di\\u00e1metro&quot;},{&quot;src&quot;:&quot;https:\\\/\\\/www.garciafaura.com\\\/wp-content\\\/uploads\\\/2018\\\/11\\\/Conservatori-Liceu-21.jpg&quot;,&quot;title&quot;:&quot;Trabajo en vidrio realizado en base a una peculiar estructura y un gran patio de luces central, de 10 metros de di\\u00e1metro&quot;},{&quot;src&quot;:&quot;https:\\\/\\\/www.garciafaura.com\\\/wp-content\\\/uploads\\\/2018\\\/11\\\/Conservatori-Liceu-20.jpg&quot;,&quot;title&quot;:&quot;Trabajo en vidrio realizado en base a una peculiar estructura y un gran patio de luces central, de 10 metros de di\\u00e1metro&quot;},{&quot;src&quot;:&quot;https:\\\/\\\/www.garciafaura.com\\\/wp-content\\\/uploads\\\/2018\\\/11\\\/Conservatori-Liceu-19.jpg&quot;,&quot;title&quot;:&quot;Trabajo en vidrio realizado en base a una peculiar estructura y un gran patio de luces central, de 10 metros de di\\u00e1metro&quot;},{&quot;src&quot;:&quot;https:\\\/\\\/www.garciafaura.com\\\/wp-content\\\/uploads\\\/2018\\\/11\\\/Conservatori-Liceu-18.jpg&quot;,&quot;title&quot;:&quot;Trabajo en vidrio realizado en base a una peculiar estructura y un gran patio de luces central, de 10 metros de di\\u00e1metro&quot;},{&quot;src&quot;:&quot;https:\\\/\\\/www.garciafaura.com\\\/wp-content\\\/uploads\\\/2018\\\/11\\\/Conservatori-Liceu-17.jpg&quot;,&quot;title&quot;:&quot;Trabajo en vidrio realizado en base a una peculiar estructura y un gran patio de luces central, de 10 metros de di\\u00e1metro&quot;},{&quot;src&quot;:&quot;https:\\\/\\\/www.garciafaura.com\\\/wp-content\\\/uploads\\\/2018\\\/11\\\/Conservatori-Liceu-16.jpg&quot;,&quot;title&quot;:&quot;Trabajo en vidrio realizado en base a una peculiar estructura y un gran patio de luces central, de 10 metros de di\\u00e1metro&quot;},{&quot;src&quot;:&quot;https:\\\/\\\/www.garciafaura.com\\\/wp-content\\\/uploads\\\/2018\\\/11\\\/Conservatori-Liceu-15.jpg&quot;,&quot;title&quot;:&quot;Trabajo en vidrio realizado en base a una peculiar estructura y un gran patio de luces central, de 10 metros de di\\u00e1metro&quot;},{&quot;src&quot;:&quot;https:\\\/\\\/www.garciafaura.com\\\/wp-content\\\/uploads\\\/2018\\\/11\\\/Conservatori-Liceu-14.jpg&quot;,&quot;title&quot;:&quot;Trabajo en vidrio realizado en base a una peculiar estructura y un gran patio de luces central, de 10 metros de di\\u00e1metro&quot;},{&quot;src&quot;:&quot;https:\\\/\\\/www.garciafaura.com\\\/wp-content\\\/uploads\\\/2018\\\/11\\\/Conservatori-Liceu-13.jpg&quot;,&quot;title&quot;:&quot;Trabajo en vidrio realizado en base a una peculiar estructura y un gran patio de luces central, de 10 metros de di\\u00e1metro&quot;},{&quot;src&quot;:&quot;https:\\\/\\\/www.garciafaura.com\\\/wp-content\\\/uploads\\\/2018\\\/11\\\/Conservatori-Liceu-12.jpg&quot;,&quot;title&quot;:&quot;Trabajo en vidrio realizado en base a una peculiar estructura y un gran patio de luces central, de 10 metros de di\\u00e1metro&quot;},{&quot;src&quot;:&quot;https:\\\/\\\/www.garciafaura.com\\\/wp-content\\\/uploads\\\/2018\\\/11\\\/Conservatori-Liceu-11.jpg&quot;,&quot;title&quot;:&quot;Trabajo en vidrio realizado en base a una peculiar estructura y un gran patio de luces central, de 10 metros de di\\u00e1metro&quot;},{&quot;src&quot;:&quot;https:\\\/\\\/www.garciafaura.com\\\/wp-content\\\/uploads\\\/2018\\\/11\\\/Conservatori-Liceu-10.jpg&quot;,&quot;title&quot;:&quot;Trabajo en vidrio realizado en base a una peculiar estructura y un gran patio de luces central, de 10 metros de di\\u00e1metro&quot;},{&quot;src&quot;:&quot;https:\\\/\\\/www.garciafaura.com\\\/wp-content\\\/uploads\\\/2018\\\/11\\\/Conservatori-Liceu-09.jpg&quot;,&quot;title&quot;:&quot;Trabajo en vidrio realizado en base a una peculiar estructura y un gran patio de luces central, de 10 metros de di\\u00e1metro&quot;},{&quot;src&quot;:&quot;https:\\\/\\\/www.garciafaura.com\\\/wp-content\\\/uploads\\\/2018\\\/11\\\/Conservatori-Liceu-08.jpg&quot;,&quot;title&quot;:&quot;Trabajo en vidrio realizado en base a una peculiar estructura y un gran patio de luces central, de 10 metros de di\\u00e1metro&quot;},{&quot;src&quot;:&quot;https:\\\/\\\/www.garciafaura.com\\\/wp-content\\\/uploads\\\/2018\\\/11\\\/Conservatori-Liceu-07.jpg&quot;,&quot;title&quot;:&quot;Trabajo en vidrio realizado en base a una peculiar estructura y un gran patio de luces central, de 10 metros de di\\u00e1metro&quot;},{&quot;src&quot;:&quot;https:\\\/\\\/www.garciafaura.com\\\/wp-content\\\/uploads\\\/2018\\\/11\\\/Conservatori-Liceu-06.jpg&quot;,&quot;title&quot;:&quot;Trabajo en vidrio realizado en base a una peculiar estructura y un gran patio de luces central, de 10 metros de di\\u00e1metro&quot;},{&quot;src&quot;:&quot;https:\\\/\\\/www.garciafaura.com\\\/wp-content\\\/uploads\\\/2018\\\/11\\\/Conservatori-Liceu-05.jpg&quot;,&quot;title&quot;:&quot;Trabajo en vidrio realizado en base a una peculiar estructura y un gran patio de luces central, de 10 metros de di\\u00e1metro&quot;},{&quot;src&quot;:&quot;https:\\\/\\\/www.garciafaura.com\\\/wp-content\\\/uploads\\\/2018\\\/11\\\/Conservatori-Liceu-04.jpg&quot;,&quot;title&quot;:&quot;Trabajo en vidrio realizado en base a una peculiar estructura y un gran patio de luces central, de 10 metros de di\\u00e1metro&quot;},{&quot;src&quot;:&quot;https:\\\/\\\/www.garciafaura.com\\\/wp-content\\\/uploads\\\/2018\\\/11\\\/Conservatori-Liceu-03.jpg&quot;,&quot;title&quot;:&quot;Trabajo en vidrio realizado en base a una peculiar estructura y un gran patio de luces central, de 10 metros de di\\u00e1metro&quot;},{&quot;src&quot;:&quot;https:\\\/\\\/www.garciafaura.com\\\/wp-content\\\/uploads\\\/2018\\\/11\\\/Conservatori-Liceu-02.jpg&quot;,&quot;title&quot;:&quot;Trabajo en vidrio realizado en base a una peculiar estructura y un gran patio de luces central, de 10 metros de di\\u00e1metro&quot;}]\"><img decoding=\"async\" data-no-lazy=\"1\" class=\"portfolio-entry-img skip-lazy\" src=\"https:\/\/www.garciafaura.com\/wp-content\/uploads\/2018\/11\/Conservatori-Liceu-05-x.jpg\" alt=\"Trabajo En Vidrio Realizado En Base A Una Peculiar Estructura Y Un Gran Patio De Luces Central, De 10 Metros De Di\u00e1metro\" data-no-retina \/><\/a><\/div><div class=\"portfolio-entry-details entry-details wpex-clr\"><h2 class=\"portfolio-entry-title entry-title\"><a href=\"https:\/\/www.garciafaura.com\/es\/portfolio-item\/conservatorio-del-liceu\/\" title=\"Conservatorio del Liceu\">Conservatorio del Liceu<\/a><\/h2><div class=\"portfolio-entry-categories entry-categories wpex-clr\"><a href=\"https:\/\/www.garciafaura.com\/es\/portfolio-category\/edificios-de-servicios\/\" class=\"term-49\">Edificios de Servicios<\/a><\/div><\/div><\/div><\/div><div class=\"portfolio-entry vcex-grid-item entry-has-details span_1_of_3 col col-1 vcex-isotope-entry vcex-no-margin-entry post-18187 entry type-portfolio has-media cat-49 cat-51 translation_priority-6\"><div class=\"portfolio-entry-inner entry-inner wpex-clr\"><div class=\"portfolio-entry-media entry-media wpex-clr\"><a href=\"https:\/\/www.garciafaura.com\/wp-content\/uploads\/2018\/11\/Ampliacio\u0301-Fira-Barcelona-01.jpg\" title=\"Ampliaci\u00f3n Fira de Barcelona\" class=\"portfolio-entry-media-link wpex-lightbox-gallery\" data-gallery=\"[{&quot;src&quot;:&quot;https:\\\/\\\/www.garciafaura.com\\\/wp-content\\\/uploads\\\/2018\\\/11\\\/Ampliacio\\u0301-Fira-Barcelona-01.jpg&quot;,&quot;title&quot;:&quot;Fachada org\\u00e1nica de muro cortina que trata cada cerramiento de forma individual&quot;},{&quot;src&quot;:&quot;https:\\\/\\\/www.garciafaura.com\\\/wp-content\\\/uploads\\\/2018\\\/11\\\/Ampliacio\\u0301-Fira-Barcelona-13.jpg&quot;,&quot;title&quot;:&quot;Fachada org\\u00e1nica de muro cortina que trata cada cerramiento de forma individual&quot;},{&quot;src&quot;:&quot;https:\\\/\\\/www.garciafaura.com\\\/wp-content\\\/uploads\\\/2018\\\/11\\\/Ampliacio\\u0301-Fira-Barcelona-12.jpg&quot;,&quot;title&quot;:&quot;Fachada org\\u00e1nica de muro cortina que trata cada cerramiento de forma individual&quot;},{&quot;src&quot;:&quot;https:\\\/\\\/www.garciafaura.com\\\/wp-content\\\/uploads\\\/2018\\\/11\\\/Ampliacio\\u0301-Fira-Barcelona-11.jpg&quot;,&quot;title&quot;:&quot;Fachada org\\u00e1nica de muro cortina que trata cada cerramiento de forma individual&quot;},{&quot;src&quot;:&quot;https:\\\/\\\/www.garciafaura.com\\\/wp-content\\\/uploads\\\/2018\\\/11\\\/Ampliacio\\u0301-Fira-Barcelona-10.jpg&quot;,&quot;title&quot;:&quot;Fachada org\\u00e1nica de muro cortina que trata cada cerramiento de forma individual&quot;},{&quot;src&quot;:&quot;https:\\\/\\\/www.garciafaura.com\\\/wp-content\\\/uploads\\\/2018\\\/11\\\/Ampliacio\\u0301-Fira-Barcelona-09.jpg&quot;,&quot;title&quot;:&quot;Fachada org\\u00e1nica de muro cortina que trata cada cerramiento de forma individual&quot;},{&quot;src&quot;:&quot;https:\\\/\\\/www.garciafaura.com\\\/wp-content\\\/uploads\\\/2018\\\/11\\\/Ampliacio\\u0301-Fira-Barcelona-08.jpg&quot;,&quot;title&quot;:&quot;Fachada org\\u00e1nica de muro cortina que trata cada cerramiento de forma individual&quot;},{&quot;src&quot;:&quot;https:\\\/\\\/www.garciafaura.com\\\/wp-content\\\/uploads\\\/2018\\\/11\\\/Ampliacio\\u0301-Fira-Barcelona-07.jpg&quot;,&quot;title&quot;:&quot;Fachada org\\u00e1nica de muro cortina que trata cada cerramiento de forma individual&quot;},{&quot;src&quot;:&quot;https:\\\/\\\/www.garciafaura.com\\\/wp-content\\\/uploads\\\/2018\\\/11\\\/Ampliacio\\u0301-Fira-Barcelona-06.jpg&quot;,&quot;title&quot;:&quot;Fachada org\\u00e1nica de muro cortina que trata cada cerramiento de forma individual&quot;},{&quot;src&quot;:&quot;https:\\\/\\\/www.garciafaura.com\\\/wp-content\\\/uploads\\\/2018\\\/11\\\/Ampliacio\\u0301-Fira-Barcelona-05.jpg&quot;,&quot;title&quot;:&quot;Fachada org\\u00e1nica de muro cortina que trata cada cerramiento de forma individual&quot;},{&quot;src&quot;:&quot;https:\\\/\\\/www.garciafaura.com\\\/wp-content\\\/uploads\\\/2018\\\/11\\\/Ampliacio\\u0301-Fira-Barcelona-04.jpg&quot;,&quot;title&quot;:&quot;Fachada org\\u00e1nica de muro cortina que trata cada cerramiento de forma individual&quot;},{&quot;src&quot;:&quot;https:\\\/\\\/www.garciafaura.com\\\/wp-content\\\/uploads\\\/2018\\\/11\\\/Ampliacio\\u0301-Fira-Barcelona-03.jpg&quot;,&quot;title&quot;:&quot;Fachada org\\u00e1nica de muro cortina que trata cada cerramiento de forma individual&quot;},{&quot;src&quot;:&quot;https:\\\/\\\/www.garciafaura.com\\\/wp-content\\\/uploads\\\/2018\\\/11\\\/Ampliacio\\u0301-Fira-Barcelona-02.jpg&quot;,&quot;title&quot;:&quot;Fachada org\\u00e1nica de muro cortina que trata cada cerramiento de forma individual&quot;}]\"><img decoding=\"async\" data-no-lazy=\"1\" class=\"portfolio-entry-img skip-lazy\" src=\"https:\/\/www.garciafaura.com\/wp-content\/uploads\/2018\/11\/Ampliacio\u0301-Fira-Barcelona-01-x.jpg\" alt=\"Fachada Org\u00e1nica De Muro Cortina Que Trata Cada Cerramiento De Forma Individual\" data-no-retina \/><\/a><\/div><div class=\"portfolio-entry-details entry-details wpex-clr\"><h2 class=\"portfolio-entry-title entry-title\"><a href=\"https:\/\/www.garciafaura.com\/es\/portfolio-item\/ampliacion-fira-de-barcelona\/\" title=\"Ampliaci\u00f3n Fira de Barcelona\">Ampliaci\u00f3n Fira de Barcelona<\/a><\/h2><div class=\"portfolio-entry-categories entry-categories wpex-clr\"><a href=\"https:\/\/www.garciafaura.com\/es\/portfolio-category\/edificios-de-servicios\/\" class=\"term-49\">Edificios de Servicios<\/a><\/div><\/div><\/div><\/div><div class=\"portfolio-entry vcex-grid-item entry-has-details span_1_of_3 col col-2 vcex-isotope-entry vcex-no-margin-entry post-18181 entry type-portfolio has-media cat-49 translation_priority-6\"><div class=\"portfolio-entry-inner entry-inner wpex-clr\"><div class=\"portfolio-entry-media entry-media wpex-clr\"><a href=\"https:\/\/www.garciafaura.com\/wp-content\/uploads\/2018\/11\/Centre-Penitenciari-Pamplona-02.jpg\" title=\"Centro Penitenciario de Pamplona\" class=\"portfolio-entry-media-link wpex-lightbox-gallery\" data-gallery=\"[{&quot;src&quot;:&quot;https:\\\/\\\/www.garciafaura.com\\\/wp-content\\\/uploads\\\/2018\\\/11\\\/Centre-Penitenciari-Pamplona-01.jpg&quot;,&quot;title&quot;:&quot;Conjunto de cerramientos interiores y exteriores del nuevo centro penitenciario de Pamplona&quot;},{&quot;src&quot;:&quot;https:\\\/\\\/www.garciafaura.com\\\/wp-content\\\/uploads\\\/2018\\\/11\\\/Centre-Penitenciari-Pamplona-14.jpg&quot;,&quot;title&quot;:&quot;Conjunto de cerramientos interiores y exteriores del nuevo centro penitenciario de Pamplona&quot;},{&quot;src&quot;:&quot;https:\\\/\\\/www.garciafaura.com\\\/wp-content\\\/uploads\\\/2018\\\/11\\\/Centre-Penitenciari-Pamplona-13.jpg&quot;,&quot;title&quot;:&quot;Conjunto de cerramientos interiores y exteriores del nuevo centro penitenciario de Pamplona&quot;},{&quot;src&quot;:&quot;https:\\\/\\\/www.garciafaura.com\\\/wp-content\\\/uploads\\\/2018\\\/11\\\/Centre-Penitenciari-Pamplona-12.jpg&quot;,&quot;title&quot;:&quot;Conjunto de cerramientos interiores y exteriores del nuevo centro penitenciario de Pamplona&quot;},{&quot;src&quot;:&quot;https:\\\/\\\/www.garciafaura.com\\\/wp-content\\\/uploads\\\/2018\\\/11\\\/Centre-Penitenciari-Pamplona-11.jpg&quot;,&quot;title&quot;:&quot;Conjunto de cerramientos interiores y exteriores del nuevo centro penitenciario de Pamplona&quot;},{&quot;src&quot;:&quot;https:\\\/\\\/www.garciafaura.com\\\/wp-content\\\/uploads\\\/2018\\\/11\\\/Centre-Penitenciari-Pamplona-10.jpg&quot;,&quot;title&quot;:&quot;Conjunto de cerramientos interiores y exteriores del nuevo centro penitenciario de Pamplona&quot;},{&quot;src&quot;:&quot;https:\\\/\\\/www.garciafaura.com\\\/wp-content\\\/uploads\\\/2018\\\/11\\\/Centre-Penitenciari-Pamplona-09.jpg&quot;,&quot;title&quot;:&quot;Conjunto de cerramientos interiores y exteriores del nuevo centro penitenciario de Pamplona&quot;},{&quot;src&quot;:&quot;https:\\\/\\\/www.garciafaura.com\\\/wp-content\\\/uploads\\\/2018\\\/11\\\/Centre-Penitenciari-Pamplona-08.jpg&quot;,&quot;title&quot;:&quot;Conjunto de cerramientos interiores y exteriores del nuevo centro penitenciario de Pamplona&quot;},{&quot;src&quot;:&quot;https:\\\/\\\/www.garciafaura.com\\\/wp-content\\\/uploads\\\/2018\\\/11\\\/Centre-Penitenciari-Pamplona-07.jpg&quot;,&quot;title&quot;:&quot;Conjunto de cerramientos interiores y exteriores del nuevo centro penitenciario de Pamplona&quot;},{&quot;src&quot;:&quot;https:\\\/\\\/www.garciafaura.com\\\/wp-content\\\/uploads\\\/2018\\\/11\\\/Centre-Penitenciari-Pamplona-06.jpg&quot;,&quot;title&quot;:&quot;Conjunto de cerramientos interiores y exteriores del nuevo centro penitenciario de Pamplona&quot;},{&quot;src&quot;:&quot;https:\\\/\\\/www.garciafaura.com\\\/wp-content\\\/uploads\\\/2018\\\/11\\\/Centre-Penitenciari-Pamplona-05.jpg&quot;,&quot;title&quot;:&quot;Conjunto de cerramientos interiores y exteriores del nuevo centro penitenciario de Pamplona&quot;},{&quot;src&quot;:&quot;https:\\\/\\\/www.garciafaura.com\\\/wp-content\\\/uploads\\\/2018\\\/11\\\/Centre-Penitenciari-Pamplona-04.jpg&quot;,&quot;title&quot;:&quot;Conjunto de cerramientos interiores y exteriores del nuevo centro penitenciario de Pamplona&quot;},{&quot;src&quot;:&quot;https:\\\/\\\/www.garciafaura.com\\\/wp-content\\\/uploads\\\/2018\\\/11\\\/Centre-Penitenciari-Pamplona-03.jpg&quot;,&quot;title&quot;:&quot;Conjunto de cerramientos interiores y exteriores del nuevo centro penitenciario de Pamplona&quot;},{&quot;src&quot;:&quot;https:\\\/\\\/www.garciafaura.com\\\/wp-content\\\/uploads\\\/2018\\\/11\\\/Centre-Penitenciari-Pamplona-02.jpg&quot;,&quot;title&quot;:&quot;Conjunto de cerramientos interiores y exteriores del nuevo centro penitenciario de Pamplona&quot;}]\"><img loading=\"lazy\" decoding=\"async\" data-no-lazy=\"1\" class=\"portfolio-entry-img skip-lazy\" src=\"https:\/\/www.garciafaura.com\/wp-content\/uploads\/2018\/11\/Centre-Penitenciari-Pamplona-02-600x314.jpg\" alt=\"Conjunto De Cerramientos Interiores Y Exteriores Del Nuevo Centro Penitenciario De Pamplona\" data-no-retina width=\"600\" height=\"314\" \/><\/a><\/div><div class=\"portfolio-entry-details entry-details wpex-clr\"><h2 class=\"portfolio-entry-title entry-title\"><a href=\"https:\/\/www.garciafaura.com\/es\/portfolio-item\/centro-penitenciario-de-pamplona\/\" title=\"Centro Penitenciario de Pamplona\">Centro Penitenciario de Pamplona<\/a><\/h2><div class=\"portfolio-entry-categories entry-categories wpex-clr\"><a href=\"https:\/\/www.garciafaura.com\/es\/portfolio-category\/edificios-de-servicios\/\" class=\"term-49\">Edificios de Servicios<\/a><\/div><\/div><\/div><\/div><div class=\"portfolio-entry vcex-grid-item entry-has-details span_1_of_3 col col-3 vcex-isotope-entry vcex-no-margin-entry post-18178 entry type-portfolio has-media cat-49 cat-58 translation_priority-6\"><div class=\"portfolio-entry-inner entry-inner wpex-clr\"><div class=\"portfolio-entry-media entry-media wpex-clr\"><a href=\"https:\/\/www.garciafaura.com\/wp-content\/uploads\/2018\/11\/Teatre-Principal-Terrassa-33.jpg\" title=\"Teatro Principal de Terrassa\" class=\"portfolio-entry-media-link wpex-lightbox-gallery\" data-gallery=\"[{&quot;src&quot;:&quot;https:\\\/\\\/www.garciafaura.com\\\/wp-content\\\/uploads\\\/2018\\\/11\\\/Teatre-Principal-Terrassa-01.jpg&quot;,&quot;title&quot;:&quot;Rehabilitaci\\u00f3n integral en hierro, vidrio y aluminio de este edificio hist\\u00f3rico de estilo modernista&quot;},{&quot;src&quot;:&quot;https:\\\/\\\/www.garciafaura.com\\\/wp-content\\\/uploads\\\/2018\\\/11\\\/Teatre-Principal-Terrassa-35.jpg&quot;,&quot;title&quot;:&quot;Rehabilitaci\\u00f3n integral en hierro, vidrio y aluminio de este edificio hist\\u00f3rico de estilo modernista&quot;},{&quot;src&quot;:&quot;https:\\\/\\\/www.garciafaura.com\\\/wp-content\\\/uploads\\\/2018\\\/11\\\/Teatre-Principal-Terrassa-34.jpg&quot;,&quot;title&quot;:&quot;Rehabilitaci\\u00f3n integral en hierro, vidrio y aluminio de este edificio hist\\u00f3rico de estilo modernista&quot;},{&quot;src&quot;:&quot;https:\\\/\\\/www.garciafaura.com\\\/wp-content\\\/uploads\\\/2018\\\/11\\\/Teatre-Principal-Terrassa-33.jpg&quot;,&quot;title&quot;:&quot;Rehabilitaci\\u00f3n integral en hierro, vidrio y aluminio de este edificio hist\\u00f3rico de estilo modernista&quot;},{&quot;src&quot;:&quot;https:\\\/\\\/www.garciafaura.com\\\/wp-content\\\/uploads\\\/2018\\\/11\\\/Teatre-Principal-Terrassa-32.jpg&quot;,&quot;title&quot;:&quot;Rehabilitaci\\u00f3n integral en hierro, vidrio y aluminio de este edificio hist\\u00f3rico de estilo modernista&quot;},{&quot;src&quot;:&quot;https:\\\/\\\/www.garciafaura.com\\\/wp-content\\\/uploads\\\/2018\\\/11\\\/Teatre-Principal-Terrassa-31.jpg&quot;,&quot;title&quot;:&quot;Rehabilitaci\\u00f3n integral en hierro, vidrio y aluminio de este edificio hist\\u00f3rico de estilo modernista&quot;},{&quot;src&quot;:&quot;https:\\\/\\\/www.garciafaura.com\\\/wp-content\\\/uploads\\\/2018\\\/11\\\/Teatre-Principal-Terrassa-30.jpg&quot;,&quot;title&quot;:&quot;Rehabilitaci\\u00f3n integral en hierro, vidrio y aluminio de este edificio hist\\u00f3rico de estilo modernista&quot;},{&quot;src&quot;:&quot;https:\\\/\\\/www.garciafaura.com\\\/wp-content\\\/uploads\\\/2018\\\/11\\\/Teatre-Principal-Terrassa-29.jpg&quot;,&quot;title&quot;:&quot;Rehabilitaci\\u00f3n integral en hierro, vidrio y aluminio de este edificio hist\\u00f3rico de estilo modernista&quot;},{&quot;src&quot;:&quot;https:\\\/\\\/www.garciafaura.com\\\/wp-content\\\/uploads\\\/2018\\\/11\\\/Teatre-Principal-Terrassa-28.jpg&quot;,&quot;title&quot;:&quot;Rehabilitaci\\u00f3n integral en hierro, vidrio y aluminio de este edificio hist\\u00f3rico de estilo modernista&quot;},{&quot;src&quot;:&quot;https:\\\/\\\/www.garciafaura.com\\\/wp-content\\\/uploads\\\/2018\\\/11\\\/Teatre-Principal-Terrassa-27.jpg&quot;,&quot;title&quot;:&quot;Rehabilitaci\\u00f3n integral en hierro, vidrio y aluminio de este edificio hist\\u00f3rico de estilo modernista&quot;},{&quot;src&quot;:&quot;https:\\\/\\\/www.garciafaura.com\\\/wp-content\\\/uploads\\\/2018\\\/11\\\/Teatre-Principal-Terrassa-26.jpg&quot;,&quot;title&quot;:&quot;Rehabilitaci\\u00f3n integral en hierro, vidrio y aluminio de este edificio hist\\u00f3rico de estilo modernista&quot;},{&quot;src&quot;:&quot;https:\\\/\\\/www.garciafaura.com\\\/wp-content\\\/uploads\\\/2018\\\/11\\\/Teatre-Principal-Terrassa-25.jpg&quot;,&quot;title&quot;:&quot;Rehabilitaci\\u00f3n integral en hierro, vidrio y aluminio de este edificio hist\\u00f3rico de estilo modernista&quot;},{&quot;src&quot;:&quot;https:\\\/\\\/www.garciafaura.com\\\/wp-content\\\/uploads\\\/2018\\\/11\\\/Teatre-Principal-Terrassa-24.jpg&quot;,&quot;title&quot;:&quot;Rehabilitaci\\u00f3n integral en hierro, vidrio y aluminio de este edificio hist\\u00f3rico de estilo modernista&quot;},{&quot;src&quot;:&quot;https:\\\/\\\/www.garciafaura.com\\\/wp-content\\\/uploads\\\/2018\\\/11\\\/Teatre-Principal-Terrassa-23.jpg&quot;,&quot;title&quot;:&quot;Rehabilitaci\\u00f3n integral en hierro, vidrio y aluminio de este edificio hist\\u00f3rico de estilo modernista&quot;},{&quot;src&quot;:&quot;https:\\\/\\\/www.garciafaura.com\\\/wp-content\\\/uploads\\\/2018\\\/11\\\/Teatre-Principal-Terrassa-22.jpg&quot;,&quot;title&quot;:&quot;Rehabilitaci\\u00f3n integral en hierro, vidrio y aluminio de este edificio hist\\u00f3rico de estilo modernista&quot;},{&quot;src&quot;:&quot;https:\\\/\\\/www.garciafaura.com\\\/wp-content\\\/uploads\\\/2018\\\/11\\\/Teatre-Principal-Terrassa-21.jpg&quot;,&quot;title&quot;:&quot;Rehabilitaci\\u00f3n integral en hierro, vidrio y aluminio de este edificio hist\\u00f3rico de estilo modernista&quot;},{&quot;src&quot;:&quot;https:\\\/\\\/www.garciafaura.com\\\/wp-content\\\/uploads\\\/2018\\\/11\\\/Teatre-Principal-Terrassa-20.jpg&quot;,&quot;title&quot;:&quot;Rehabilitaci\\u00f3n integral en hierro, vidrio y aluminio de este edificio hist\\u00f3rico de estilo modernista&quot;},{&quot;src&quot;:&quot;https:\\\/\\\/www.garciafaura.com\\\/wp-content\\\/uploads\\\/2018\\\/11\\\/Teatre-Principal-Terrassa-19.jpg&quot;,&quot;title&quot;:&quot;Rehabilitaci\\u00f3n integral en hierro, vidrio y aluminio de este edificio hist\\u00f3rico de estilo modernista&quot;},{&quot;src&quot;:&quot;https:\\\/\\\/www.garciafaura.com\\\/wp-content\\\/uploads\\\/2018\\\/11\\\/Teatre-Principal-Terrassa-18.jpg&quot;,&quot;title&quot;:&quot;Rehabilitaci\\u00f3n integral en hierro, vidrio y aluminio de este edificio hist\\u00f3rico de estilo modernista&quot;},{&quot;src&quot;:&quot;https:\\\/\\\/www.garciafaura.com\\\/wp-content\\\/uploads\\\/2018\\\/11\\\/Teatre-Principal-Terrassa-17.jpg&quot;,&quot;title&quot;:&quot;Rehabilitaci\\u00f3n integral en hierro, vidrio y aluminio de este edificio hist\\u00f3rico de estilo modernista&quot;},{&quot;src&quot;:&quot;https:\\\/\\\/www.garciafaura.com\\\/wp-content\\\/uploads\\\/2018\\\/11\\\/Teatre-Principal-Terrassa-16.jpg&quot;,&quot;title&quot;:&quot;Rehabilitaci\\u00f3n integral en hierro, vidrio y aluminio de este edificio hist\\u00f3rico de estilo modernista&quot;},{&quot;src&quot;:&quot;https:\\\/\\\/www.garciafaura.com\\\/wp-content\\\/uploads\\\/2018\\\/11\\\/Teatre-Principal-Terrassa-15.jpg&quot;,&quot;title&quot;:&quot;Rehabilitaci\\u00f3n integral en hierro, vidrio y aluminio de este edificio hist\\u00f3rico de estilo modernista&quot;},{&quot;src&quot;:&quot;https:\\\/\\\/www.garciafaura.com\\\/wp-content\\\/uploads\\\/2018\\\/11\\\/Teatre-Principal-Terrassa-14.jpg&quot;,&quot;title&quot;:&quot;Rehabilitaci\\u00f3n integral en hierro, vidrio y aluminio de este edificio hist\\u00f3rico de estilo modernista&quot;},{&quot;src&quot;:&quot;https:\\\/\\\/www.garciafaura.com\\\/wp-content\\\/uploads\\\/2018\\\/11\\\/Teatre-Principal-Terrassa-13.jpg&quot;,&quot;title&quot;:&quot;Rehabilitaci\\u00f3n integral en hierro, vidrio y aluminio de este edificio hist\\u00f3rico de estilo modernista&quot;},{&quot;src&quot;:&quot;https:\\\/\\\/www.garciafaura.com\\\/wp-content\\\/uploads\\\/2018\\\/11\\\/Teatre-Principal-Terrassa-12.jpg&quot;,&quot;title&quot;:&quot;Rehabilitaci\\u00f3n integral en hierro, vidrio y aluminio de este edificio hist\\u00f3rico de estilo modernista&quot;},{&quot;src&quot;:&quot;https:\\\/\\\/www.garciafaura.com\\\/wp-content\\\/uploads\\\/2018\\\/11\\\/Teatre-Principal-Terrassa-11.jpg&quot;,&quot;title&quot;:&quot;Rehabilitaci\\u00f3n integral en hierro, vidrio y aluminio de este edificio hist\\u00f3rico de estilo modernista&quot;},{&quot;src&quot;:&quot;https:\\\/\\\/www.garciafaura.com\\\/wp-content\\\/uploads\\\/2018\\\/11\\\/Teatre-Principal-Terrassa-10.jpg&quot;,&quot;title&quot;:&quot;Rehabilitaci\\u00f3n integral en hierro, vidrio y aluminio de este edificio hist\\u00f3rico de estilo modernista&quot;},{&quot;src&quot;:&quot;https:\\\/\\\/www.garciafaura.com\\\/wp-content\\\/uploads\\\/2018\\\/11\\\/Teatre-Principal-Terrassa-09.jpg&quot;,&quot;title&quot;:&quot;Rehabilitaci\\u00f3n integral en hierro, vidrio y aluminio de este edificio hist\\u00f3rico de estilo modernista&quot;},{&quot;src&quot;:&quot;https:\\\/\\\/www.garciafaura.com\\\/wp-content\\\/uploads\\\/2018\\\/11\\\/Teatre-Principal-Terrassa-08.jpg&quot;,&quot;title&quot;:&quot;Rehabilitaci\\u00f3n integral en hierro, vidrio y aluminio de este edificio hist\\u00f3rico de estilo modernista&quot;},{&quot;src&quot;:&quot;https:\\\/\\\/www.garciafaura.com\\\/wp-content\\\/uploads\\\/2018\\\/11\\\/Teatre-Principal-Terrassa-07.jpg&quot;,&quot;title&quot;:&quot;Rehabilitaci\\u00f3n integral en hierro, vidrio y aluminio de este edificio hist\\u00f3rico de estilo modernista&quot;},{&quot;src&quot;:&quot;https:\\\/\\\/www.garciafaura.com\\\/wp-content\\\/uploads\\\/2018\\\/11\\\/Teatre-Principal-Terrassa-06.jpg&quot;,&quot;title&quot;:&quot;Rehabilitaci\\u00f3n integral en hierro, vidrio y aluminio de este edificio hist\\u00f3rico de estilo modernista&quot;},{&quot;src&quot;:&quot;https:\\\/\\\/www.garciafaura.com\\\/wp-content\\\/uploads\\\/2018\\\/11\\\/Teatre-Principal-Terrassa-05.jpg&quot;,&quot;title&quot;:&quot;Rehabilitaci\\u00f3n integral en hierro, vidrio y aluminio de este edificio hist\\u00f3rico de estilo modernista&quot;},{&quot;src&quot;:&quot;https:\\\/\\\/www.garciafaura.com\\\/wp-content\\\/uploads\\\/2018\\\/11\\\/Teatre-Principal-Terrassa-04.jpg&quot;,&quot;title&quot;:&quot;Rehabilitaci\\u00f3n integral en hierro, vidrio y aluminio de este edificio hist\\u00f3rico de estilo modernista&quot;},{&quot;src&quot;:&quot;https:\\\/\\\/www.garciafaura.com\\\/wp-content\\\/uploads\\\/2018\\\/11\\\/Teatre-Principal-Terrassa-03.jpg&quot;,&quot;title&quot;:&quot;Rehabilitaci\\u00f3n integral en hierro, vidrio y aluminio de este edificio hist\\u00f3rico de estilo modernista&quot;},{&quot;src&quot;:&quot;https:\\\/\\\/www.garciafaura.com\\\/wp-content\\\/uploads\\\/2018\\\/11\\\/Teatre-Principal-Terrassa-02.jpg&quot;,&quot;title&quot;:&quot;Rehabilitaci\\u00f3n integral en hierro, vidrio y aluminio de este edificio hist\\u00f3rico de estilo modernista&quot;}]\"><img decoding=\"async\" data-no-lazy=\"1\" class=\"portfolio-entry-img skip-lazy\" src=\"https:\/\/www.garciafaura.com\/wp-content\/uploads\/2018\/11\/Teatre-Principal-Terrassa-33-x.jpg\" alt=\"Rehabilitaci\u00f3n Integral En Hierro, Vidrio Y Aluminio De Este Edificio Hist\u00f3rico De Estilo Modernista\" data-no-retina \/><\/a><\/div><div class=\"portfolio-entry-details entry-details wpex-clr\"><h2 class=\"portfolio-entry-title entry-title\"><a href=\"https:\/\/www.garciafaura.com\/es\/portfolio-item\/teatro-principal-de-terrassa\/\" title=\"Teatro Principal de Terrassa\">Teatro Principal de Terrassa<\/a><\/h2><div class=\"portfolio-entry-categories entry-categories wpex-clr\"><a href=\"https:\/\/www.garciafaura.com\/es\/portfolio-category\/edificios-de-servicios\/\" class=\"term-49\">Edificios de Servicios<\/a><\/div><\/div><\/div><\/div><div class=\"portfolio-entry vcex-grid-item entry-has-details span_1_of_3 col col-1 vcex-isotope-entry vcex-no-margin-entry post-18171 entry type-portfolio has-media cat-49 translation_priority-6\"><div class=\"portfolio-entry-inner entry-inner wpex-clr\"><div class=\"portfolio-entry-media entry-media wpex-clr\"><a href=\"https:\/\/www.garciafaura.com\/wp-content\/uploads\/2018\/11\/Biblioteca-Sant-Joan-Despi\u0301-01.jpg\" title=\"Biblioteca Sant Joan Desp\u00ed\" class=\"portfolio-entry-media-link wpex-lightbox\"><img decoding=\"async\" data-no-lazy=\"1\" class=\"portfolio-entry-img skip-lazy\" src=\"https:\/\/www.garciafaura.com\/wp-content\/uploads\/2018\/11\/Biblioteca-Sant-Joan-Despi\u0301-01-x.jpg\" alt=\"Cerramientos De Perfiler\u00eda De Acero Y Muros Cortina De Este Equipamiento P\u00fablico\" data-no-retina \/><\/a><\/div><div class=\"portfolio-entry-details entry-details wpex-clr\"><h2 class=\"portfolio-entry-title entry-title\"><a href=\"https:\/\/www.garciafaura.com\/es\/portfolio-item\/biblioteca-sant-joan-despi\/\" title=\"Biblioteca Sant Joan Desp\u00ed\">Biblioteca Sant Joan Desp\u00ed<\/a><\/h2><div class=\"portfolio-entry-categories entry-categories wpex-clr\"><a href=\"https:\/\/www.garciafaura.com\/es\/portfolio-category\/edificios-de-servicios\/\" class=\"term-49\">Edificios de Servicios<\/a><\/div><\/div><\/div><\/div><div class=\"portfolio-entry vcex-grid-item entry-has-details span_1_of_3 col col-2 vcex-isotope-entry vcex-no-margin-entry post-18168 entry type-portfolio has-media cat-49 cat-118 cat-119 translation_priority-6\"><div class=\"portfolio-entry-inner entry-inner wpex-clr\"><div class=\"portfolio-entry-media entry-media wpex-clr\"><a href=\"https:\/\/www.garciafaura.com\/wp-content\/uploads\/2018\/11\/Hospital-Sant-Joan-De\u0301u-Numa\u0300ncia-22.jpg\" title=\"Hospital Sant Joan de D\u00e9u Num\u00e0ncia\" class=\"portfolio-entry-media-link wpex-lightbox-gallery\" data-gallery=\"[{&quot;src&quot;:&quot;https:\\\/\\\/www.garciafaura.com\\\/wp-content\\\/uploads\\\/2018\\\/11\\\/Hospital-Sant-Joan-De\\u0301u-Numa\\u0300ncia-01.jpg&quot;,&quot;title&quot;:&quot;Conjunto de cerramientos, trabajos en chapa y forrados de este centro hospitalario&quot;},{&quot;src&quot;:&quot;https:\\\/\\\/www.garciafaura.com\\\/wp-content\\\/uploads\\\/2018\\\/11\\\/Hospital-Sant-Joan-De\\u0301u-Numa\\u0300ncia-22.jpg&quot;,&quot;title&quot;:&quot;Conjunto de cerramientos, trabajos en chapa y forrados de este centro hospitalario&quot;},{&quot;src&quot;:&quot;https:\\\/\\\/www.garciafaura.com\\\/wp-content\\\/uploads\\\/2018\\\/11\\\/Hospital-Sant-Joan-De\\u0301u-Numa\\u0300ncia-21.jpg&quot;,&quot;title&quot;:&quot;Conjunto de cerramientos, trabajos en chapa y forrados de este centro hospitalario&quot;},{&quot;src&quot;:&quot;https:\\\/\\\/www.garciafaura.com\\\/wp-content\\\/uploads\\\/2018\\\/11\\\/Hospital-Sant-Joan-De\\u0301u-Numa\\u0300ncia-19.jpg&quot;,&quot;title&quot;:&quot;Conjunto de cerramientos, trabajos en chapa y forrados de este centro hospitalario&quot;},{&quot;src&quot;:&quot;https:\\\/\\\/www.garciafaura.com\\\/wp-content\\\/uploads\\\/2018\\\/11\\\/Hospital-Sant-Joan-De\\u0301u-Numa\\u0300ncia-20.jpg&quot;,&quot;title&quot;:&quot;Conjunto de cerramientos, trabajos en chapa y forrados de este centro hospitalario&quot;},{&quot;src&quot;:&quot;https:\\\/\\\/www.garciafaura.com\\\/wp-content\\\/uploads\\\/2018\\\/11\\\/Hospital-Sant-Joan-De\\u0301u-Numa\\u0300ncia-18.jpg&quot;,&quot;title&quot;:&quot;Conjunto de cerramientos, trabajos en chapa y forrados de este centro hospitalario&quot;},{&quot;src&quot;:&quot;https:\\\/\\\/www.garciafaura.com\\\/wp-content\\\/uploads\\\/2018\\\/11\\\/Hospital-Sant-Joan-De\\u0301u-Numa\\u0300ncia-17.jpg&quot;,&quot;title&quot;:&quot;Conjunto de cerramientos, trabajos en chapa y forrados de este centro hospitalario&quot;},{&quot;src&quot;:&quot;https:\\\/\\\/www.garciafaura.com\\\/wp-content\\\/uploads\\\/2018\\\/11\\\/Hospital-Sant-Joan-De\\u0301u-Numa\\u0300ncia-16.jpg&quot;,&quot;title&quot;:&quot;Conjunto de cerramientos, trabajos en chapa y forrados de este centro hospitalario&quot;},{&quot;src&quot;:&quot;https:\\\/\\\/www.garciafaura.com\\\/wp-content\\\/uploads\\\/2018\\\/11\\\/Hospital-Sant-Joan-De\\u0301u-Numa\\u0300ncia-15.jpg&quot;,&quot;title&quot;:&quot;Conjunto de cerramientos, trabajos en chapa y forrados de este centro hospitalario&quot;},{&quot;src&quot;:&quot;https:\\\/\\\/www.garciafaura.com\\\/wp-content\\\/uploads\\\/2018\\\/11\\\/Hospital-Sant-Joan-De\\u0301u-Numa\\u0300ncia-14.jpg&quot;,&quot;title&quot;:&quot;Conjunto de cerramientos, trabajos en chapa y forrados de este centro hospitalario&quot;},{&quot;src&quot;:&quot;https:\\\/\\\/www.garciafaura.com\\\/wp-content\\\/uploads\\\/2018\\\/11\\\/Hospital-Sant-Joan-De\\u0301u-Numa\\u0300ncia-13.jpg&quot;,&quot;title&quot;:&quot;Conjunto de cerramientos, trabajos en chapa y forrados de este centro hospitalario&quot;},{&quot;src&quot;:&quot;https:\\\/\\\/www.garciafaura.com\\\/wp-content\\\/uploads\\\/2018\\\/11\\\/Hospital-Sant-Joan-De\\u0301u-Numa\\u0300ncia-12.jpg&quot;,&quot;title&quot;:&quot;Conjunto de cerramientos, trabajos en chapa y forrados de este centro hospitalario&quot;},{&quot;src&quot;:&quot;https:\\\/\\\/www.garciafaura.com\\\/wp-content\\\/uploads\\\/2018\\\/11\\\/Hospital-Sant-Joan-De\\u0301u-Numa\\u0300ncia-11.jpg&quot;,&quot;title&quot;:&quot;Conjunto de cerramientos, trabajos en chapa y forrados de este centro hospitalario&quot;},{&quot;src&quot;:&quot;https:\\\/\\\/www.garciafaura.com\\\/wp-content\\\/uploads\\\/2018\\\/11\\\/Hospital-Sant-Joan-De\\u0301u-Numa\\u0300ncia-10.jpg&quot;,&quot;title&quot;:&quot;Conjunto de cerramientos, trabajos en chapa y forrados de este centro hospitalario&quot;},{&quot;src&quot;:&quot;https:\\\/\\\/www.garciafaura.com\\\/wp-content\\\/uploads\\\/2018\\\/11\\\/Hospital-Sant-Joan-De\\u0301u-Numa\\u0300ncia-09.jpg&quot;,&quot;title&quot;:&quot;Conjunto de cerramientos, trabajos en chapa y forrados de este centro hospitalario&quot;},{&quot;src&quot;:&quot;https:\\\/\\\/www.garciafaura.com\\\/wp-content\\\/uploads\\\/2018\\\/11\\\/Hospital-Sant-Joan-De\\u0301u-Numa\\u0300ncia-08.jpg&quot;,&quot;title&quot;:&quot;Conjunto de cerramientos, trabajos en chapa y forrados de este centro hospitalario&quot;},{&quot;src&quot;:&quot;https:\\\/\\\/www.garciafaura.com\\\/wp-content\\\/uploads\\\/2018\\\/11\\\/Hospital-Sant-Joan-De\\u0301u-Numa\\u0300ncia-07.jpg&quot;,&quot;title&quot;:&quot;Conjunto de cerramientos, trabajos en chapa y forrados de este centro hospitalario&quot;},{&quot;src&quot;:&quot;https:\\\/\\\/www.garciafaura.com\\\/wp-content\\\/uploads\\\/2018\\\/11\\\/Hospital-Sant-Joan-De\\u0301u-Numa\\u0300ncia-06.jpg&quot;,&quot;title&quot;:&quot;Conjunto de cerramientos, trabajos en chapa y forrados de este centro hospitalario&quot;},{&quot;src&quot;:&quot;https:\\\/\\\/www.garciafaura.com\\\/wp-content\\\/uploads\\\/2018\\\/11\\\/Hospital-Sant-Joan-De\\u0301u-Numa\\u0300ncia-05.jpg&quot;,&quot;title&quot;:&quot;Conjunto de cerramientos, trabajos en chapa y forrados de este centro hospitalario&quot;},{&quot;src&quot;:&quot;https:\\\/\\\/www.garciafaura.com\\\/wp-content\\\/uploads\\\/2018\\\/11\\\/Hospital-Sant-Joan-De\\u0301u-Numa\\u0300ncia-04.jpg&quot;,&quot;title&quot;:&quot;Conjunto de cerramientos, trabajos en chapa y forrados de este centro hospitalario&quot;},{&quot;src&quot;:&quot;https:\\\/\\\/www.garciafaura.com\\\/wp-content\\\/uploads\\\/2018\\\/11\\\/Hospital-Sant-Joan-De\\u0301u-Numa\\u0300ncia-03.jpg&quot;,&quot;title&quot;:&quot;Conjunto de cerramientos, trabajos en chapa y forrados de este centro hospitalario&quot;},{&quot;src&quot;:&quot;https:\\\/\\\/www.garciafaura.com\\\/wp-content\\\/uploads\\\/2018\\\/11\\\/Hospital-Sant-Joan-De\\u0301u-Numa\\u0300ncia-02.jpg&quot;,&quot;title&quot;:&quot;Conjunto de cerramientos, trabajos en chapa y forrados de este centro hospitalario&quot;}]\"><img decoding=\"async\" data-no-lazy=\"1\" class=\"portfolio-entry-img skip-lazy\" src=\"https:\/\/www.garciafaura.com\/wp-content\/uploads\/2018\/11\/Hospital-Sant-Joan-De\u0301u-Numa\u0300ncia-22-x.jpg\" alt=\"Conjunto De Cerramientos, Trabajos En Chapa Y Forrados De Este Centro Hospitalario\" data-no-retina \/><\/a><\/div><div class=\"portfolio-entry-details entry-details wpex-clr\"><h2 class=\"portfolio-entry-title entry-title\"><a href=\"https:\/\/www.garciafaura.com\/es\/portfolio-item\/hospital-sant-joan-de-deu-numancia\/\" title=\"Hospital Sant Joan de D\u00e9u Num\u00e0ncia\">Hospital Sant Joan de D\u00e9u Num\u00e0ncia<\/a><\/h2><div class=\"portfolio-entry-categories entry-categories wpex-clr\"><a href=\"https:\/\/www.garciafaura.com\/es\/portfolio-category\/edificios-de-servicios\/\" class=\"term-49\">Edificios de Servicios<\/a><\/div><\/div><\/div><\/div><div class=\"portfolio-entry vcex-grid-item entry-has-details span_1_of_3 col col-3 vcex-isotope-entry vcex-no-margin-entry post-18165 entry type-portfolio has-media cat-49 cat-118 cat-119 translation_priority-6\"><div class=\"portfolio-entry-inner entry-inner wpex-clr\"><div class=\"portfolio-entry-media entry-media wpex-clr\"><a href=\"https:\/\/www.garciafaura.com\/wp-content\/uploads\/2018\/11\/Tanatori-Sant-Joan-Despi\u0301-16.jpg\" title=\"Tanatorio Sant Joan Desp\u00ed\" class=\"portfolio-entry-media-link wpex-lightbox-gallery\" data-gallery=\"[{&quot;src&quot;:&quot;https:\\\/\\\/www.garciafaura.com\\\/wp-content\\\/uploads\\\/2018\\\/11\\\/Tanatori-Sant-Joan-Despi\\u0301-01.jpg&quot;,&quot;title&quot;:&quot;Cerramientos, vidrier\\u00eda y trabajos de acero con tratamiento Cor-Ten&quot;},{&quot;src&quot;:&quot;https:\\\/\\\/www.garciafaura.com\\\/wp-content\\\/uploads\\\/2018\\\/11\\\/Tanatori-Sant-Joan-Despi\\u0301-19.jpg&quot;,&quot;title&quot;:&quot;Cerramientos, vidrier\\u00eda y trabajos de acero con tratamiento Cor-Ten&quot;},{&quot;src&quot;:&quot;https:\\\/\\\/www.garciafaura.com\\\/wp-content\\\/uploads\\\/2018\\\/11\\\/Tanatori-Sant-Joan-Despi\\u0301-20.jpg&quot;,&quot;title&quot;:&quot;Cerramientos, vidrier\\u00eda y trabajos de acero con tratamiento Cor-Ten&quot;},{&quot;src&quot;:&quot;https:\\\/\\\/www.garciafaura.com\\\/wp-content\\\/uploads\\\/2018\\\/11\\\/Tanatori-Sant-Joan-Despi\\u0301-18.jpg&quot;,&quot;title&quot;:&quot;Cerramientos, vidrier\\u00eda y trabajos de acero con tratamiento Cor-Ten&quot;},{&quot;src&quot;:&quot;https:\\\/\\\/www.garciafaura.com\\\/wp-content\\\/uploads\\\/2018\\\/11\\\/Tanatori-Sant-Joan-Despi\\u0301-17.jpg&quot;,&quot;title&quot;:&quot;Cerramientos, vidrier\\u00eda y trabajos de acero con tratamiento Cor-Ten&quot;},{&quot;src&quot;:&quot;https:\\\/\\\/www.garciafaura.com\\\/wp-content\\\/uploads\\\/2018\\\/11\\\/Tanatori-Sant-Joan-Despi\\u0301-16.jpg&quot;,&quot;title&quot;:&quot;Cerramientos, vidrier\\u00eda y trabajos de acero con tratamiento Cor-Ten&quot;},{&quot;src&quot;:&quot;https:\\\/\\\/www.garciafaura.com\\\/wp-content\\\/uploads\\\/2018\\\/11\\\/Tanatori-Sant-Joan-Despi\\u0301-15.jpg&quot;,&quot;title&quot;:&quot;Cerramientos, vidrier\\u00eda y trabajos de acero con tratamiento Cor-Ten&quot;},{&quot;src&quot;:&quot;https:\\\/\\\/www.garciafaura.com\\\/wp-content\\\/uploads\\\/2018\\\/11\\\/Tanatori-Sant-Joan-Despi\\u0301-14.jpg&quot;,&quot;title&quot;:&quot;Cerramientos, vidrier\\u00eda y trabajos de acero con tratamiento Cor-Ten&quot;},{&quot;src&quot;:&quot;https:\\\/\\\/www.garciafaura.com\\\/wp-content\\\/uploads\\\/2018\\\/11\\\/Tanatori-Sant-Joan-Despi\\u0301-13.jpg&quot;,&quot;title&quot;:&quot;Cerramientos, vidrier\\u00eda y trabajos de acero con tratamiento Cor-Ten&quot;},{&quot;src&quot;:&quot;https:\\\/\\\/www.garciafaura.com\\\/wp-content\\\/uploads\\\/2018\\\/11\\\/Tanatori-Sant-Joan-Despi\\u0301-12.jpg&quot;,&quot;title&quot;:&quot;Cerramientos, vidrier\\u00eda y trabajos de acero con tratamiento Cor-Ten&quot;},{&quot;src&quot;:&quot;https:\\\/\\\/www.garciafaura.com\\\/wp-content\\\/uploads\\\/2018\\\/11\\\/Tanatori-Sant-Joan-Despi\\u0301-11.jpg&quot;,&quot;title&quot;:&quot;Cerramientos, vidrier\\u00eda y trabajos de acero con tratamiento Cor-Ten&quot;},{&quot;src&quot;:&quot;https:\\\/\\\/www.garciafaura.com\\\/wp-content\\\/uploads\\\/2018\\\/11\\\/Tanatori-Sant-Joan-Despi\\u0301-10.jpg&quot;,&quot;title&quot;:&quot;Cerramientos, vidrier\\u00eda y trabajos de acero con tratamiento Cor-Ten&quot;},{&quot;src&quot;:&quot;https:\\\/\\\/www.garciafaura.com\\\/wp-content\\\/uploads\\\/2018\\\/11\\\/Tanatori-Sant-Joan-Despi\\u0301-09.jpg&quot;,&quot;title&quot;:&quot;Cerramientos, vidrier\\u00eda y trabajos de acero con tratamiento Cor-Ten&quot;},{&quot;src&quot;:&quot;https:\\\/\\\/www.garciafaura.com\\\/wp-content\\\/uploads\\\/2018\\\/11\\\/Tanatori-Sant-Joan-Despi\\u0301-08.jpg&quot;,&quot;title&quot;:&quot;Cerramientos, vidrier\\u00eda y trabajos de acero con tratamiento Cor-Ten&quot;},{&quot;src&quot;:&quot;https:\\\/\\\/www.garciafaura.com\\\/wp-content\\\/uploads\\\/2018\\\/11\\\/Tanatori-Sant-Joan-Despi\\u0301-07.jpg&quot;,&quot;title&quot;:&quot;Cerramientos, vidrier\\u00eda y trabajos de acero con tratamiento Cor-Ten&quot;},{&quot;src&quot;:&quot;https:\\\/\\\/www.garciafaura.com\\\/wp-content\\\/uploads\\\/2018\\\/11\\\/Tanatori-Sant-Joan-Despi\\u0301-06.jpg&quot;,&quot;title&quot;:&quot;Cerramientos, vidrier\\u00eda y trabajos de acero con tratamiento Cor-Ten&quot;},{&quot;src&quot;:&quot;https:\\\/\\\/www.garciafaura.com\\\/wp-content\\\/uploads\\\/2018\\\/11\\\/Tanatori-Sant-Joan-Despi\\u0301-05.jpg&quot;,&quot;title&quot;:&quot;Cerramientos, vidrier\\u00eda y trabajos de acero con tratamiento Cor-Ten&quot;},{&quot;src&quot;:&quot;https:\\\/\\\/www.garciafaura.com\\\/wp-content\\\/uploads\\\/2018\\\/11\\\/Tanatori-Sant-Joan-Despi\\u0301-04.jpg&quot;,&quot;title&quot;:&quot;Cerramientos, vidrier\\u00eda y trabajos de acero con tratamiento Cor-Ten&quot;},{&quot;src&quot;:&quot;https:\\\/\\\/www.garciafaura.com\\\/wp-content\\\/uploads\\\/2018\\\/11\\\/Tanatori-Sant-Joan-Despi\\u0301-03.jpg&quot;,&quot;title&quot;:&quot;Cerramientos, vidrier\\u00eda y trabajos de acero con tratamiento Cor-Ten&quot;},{&quot;src&quot;:&quot;https:\\\/\\\/www.garciafaura.com\\\/wp-content\\\/uploads\\\/2018\\\/11\\\/Tanatori-Sant-Joan-Despi\\u0301-02.jpg&quot;,&quot;title&quot;:&quot;Cerramientos, vidrier\\u00eda y trabajos de acero con tratamiento Cor-Ten&quot;}]\"><img decoding=\"async\" data-no-lazy=\"1\" class=\"portfolio-entry-img skip-lazy\" src=\"https:\/\/www.garciafaura.com\/wp-content\/uploads\/2018\/11\/Tanatori-Sant-Joan-Despi\u0301-16-x.jpg\" alt=\"Cerramientos, Vidrier\u00eda Y Trabajos De Acero Con Tratamiento Cor-Ten\" data-no-retina \/><\/a><\/div><div class=\"portfolio-entry-details entry-details wpex-clr\"><h2 class=\"portfolio-entry-title entry-title\"><a href=\"https:\/\/www.garciafaura.com\/es\/portfolio-item\/tanatorio-sant-joan-despi\/\" title=\"Tanatorio Sant Joan Desp\u00ed\">Tanatorio Sant Joan Desp\u00ed<\/a><\/h2><div class=\"portfolio-entry-categories entry-categories wpex-clr\"><a href=\"https:\/\/www.garciafaura.com\/es\/portfolio-category\/edificios-de-servicios\/\" class=\"term-49\">Edificios de Servicios<\/a><\/div><\/div><\/div><\/div><div class=\"portfolio-entry vcex-grid-item entry-has-details span_1_of_3 col col-1 vcex-isotope-entry vcex-no-margin-entry post-18162 entry type-portfolio has-media cat-49 translation_priority-6\"><div class=\"portfolio-entry-inner entry-inner wpex-clr\"><div class=\"portfolio-entry-media entry-media wpex-clr\"><a href=\"https:\/\/www.garciafaura.com\/wp-content\/uploads\/2018\/11\/Reside\u0300ncia-Esclat-000.jpg\" title=\"Residencia Esclat Marina\" class=\"portfolio-entry-media-link wpex-lightbox-gallery\" data-gallery=\"[{&quot;src&quot;:&quot;https:\\\/\\\/www.garciafaura.com\\\/wp-content\\\/uploads\\\/2018\\\/11\\\/Reside\\u0300ncia-Esclat-01.jpg&quot;,&quot;title&quot;:&quot;Cerramientos y pasarela de vidrio pisable en equipamiento asistencial&quot;},{&quot;src&quot;:&quot;https:\\\/\\\/www.garciafaura.com\\\/wp-content\\\/uploads\\\/2018\\\/11\\\/Reside\\u0300ncia-Esclat-000.jpg&quot;},{&quot;src&quot;:&quot;https:\\\/\\\/www.garciafaura.com\\\/wp-content\\\/uploads\\\/2018\\\/11\\\/Reside\\u0300ncia-Esclat-00.jpg&quot;},{&quot;src&quot;:&quot;https:\\\/\\\/www.garciafaura.com\\\/wp-content\\\/uploads\\\/2018\\\/11\\\/Reside\\u0300ncia-Esclat-24.jpg&quot;,&quot;title&quot;:&quot;Cerramientos y pasarela de vidrio pisable en equipamiento asistencial&quot;},{&quot;src&quot;:&quot;https:\\\/\\\/www.garciafaura.com\\\/wp-content\\\/uploads\\\/2018\\\/11\\\/Reside\\u0300ncia-Esclat-22.jpg&quot;,&quot;title&quot;:&quot;Cerramientos y pasarela de vidrio pisable en equipamiento asistencial&quot;},{&quot;src&quot;:&quot;https:\\\/\\\/www.garciafaura.com\\\/wp-content\\\/uploads\\\/2018\\\/11\\\/Reside\\u0300ncia-Esclat-23.jpg&quot;,&quot;title&quot;:&quot;Cerramientos y pasarela de vidrio pisable en equipamiento asistencial&quot;},{&quot;src&quot;:&quot;https:\\\/\\\/www.garciafaura.com\\\/wp-content\\\/uploads\\\/2018\\\/11\\\/Reside\\u0300ncia-Esclat-21.jpg&quot;,&quot;title&quot;:&quot;Cerramientos y pasarela de vidrio pisable en equipamiento asistencial&quot;},{&quot;src&quot;:&quot;https:\\\/\\\/www.garciafaura.com\\\/wp-content\\\/uploads\\\/2018\\\/11\\\/Reside\\u0300ncia-Esclat-20.jpg&quot;,&quot;title&quot;:&quot;Cerramientos y pasarela de vidrio pisable en equipamiento asistencial&quot;},{&quot;src&quot;:&quot;https:\\\/\\\/www.garciafaura.com\\\/wp-content\\\/uploads\\\/2018\\\/11\\\/Reside\\u0300ncia-Esclat-19.jpg&quot;,&quot;title&quot;:&quot;Cerramientos y pasarela de vidrio pisable en equipamiento asistencial&quot;},{&quot;src&quot;:&quot;https:\\\/\\\/www.garciafaura.com\\\/wp-content\\\/uploads\\\/2018\\\/11\\\/Reside\\u0300ncia-Esclat-18.jpg&quot;,&quot;title&quot;:&quot;Cerramientos y pasarela de vidrio pisable en equipamiento asistencial&quot;},{&quot;src&quot;:&quot;https:\\\/\\\/www.garciafaura.com\\\/wp-content\\\/uploads\\\/2018\\\/11\\\/Reside\\u0300ncia-Esclat-17.jpg&quot;,&quot;title&quot;:&quot;Cerramientos y pasarela de vidrio pisable en equipamiento asistencial&quot;},{&quot;src&quot;:&quot;https:\\\/\\\/www.garciafaura.com\\\/wp-content\\\/uploads\\\/2018\\\/11\\\/Reside\\u0300ncia-Esclat-16.jpg&quot;,&quot;title&quot;:&quot;Cerramientos y pasarela de vidrio pisable en equipamiento asistencial&quot;},{&quot;src&quot;:&quot;https:\\\/\\\/www.garciafaura.com\\\/wp-content\\\/uploads\\\/2018\\\/11\\\/Reside\\u0300ncia-Esclat-15.jpg&quot;,&quot;title&quot;:&quot;Cerramientos y pasarela de vidrio pisable en equipamiento asistencial&quot;},{&quot;src&quot;:&quot;https:\\\/\\\/www.garciafaura.com\\\/wp-content\\\/uploads\\\/2018\\\/11\\\/Reside\\u0300ncia-Esclat-14.jpg&quot;,&quot;title&quot;:&quot;Cerramientos y pasarela de vidrio pisable en equipamiento asistencial&quot;},{&quot;src&quot;:&quot;https:\\\/\\\/www.garciafaura.com\\\/wp-content\\\/uploads\\\/2018\\\/11\\\/Reside\\u0300ncia-Esclat-13.jpg&quot;,&quot;title&quot;:&quot;Cerramientos y pasarela de vidrio pisable en equipamiento asistencial&quot;},{&quot;src&quot;:&quot;https:\\\/\\\/www.garciafaura.com\\\/wp-content\\\/uploads\\\/2018\\\/11\\\/Reside\\u0300ncia-Esclat-12.jpg&quot;,&quot;title&quot;:&quot;Cerramientos y pasarela de vidrio pisable en equipamiento asistencial&quot;},{&quot;src&quot;:&quot;https:\\\/\\\/www.garciafaura.com\\\/wp-content\\\/uploads\\\/2018\\\/11\\\/Reside\\u0300ncia-Esclat-11.jpg&quot;,&quot;title&quot;:&quot;Cerramientos y pasarela de vidrio pisable en equipamiento asistencial&quot;},{&quot;src&quot;:&quot;https:\\\/\\\/www.garciafaura.com\\\/wp-content\\\/uploads\\\/2018\\\/11\\\/Reside\\u0300ncia-Esclat-10.jpg&quot;,&quot;title&quot;:&quot;Cerramientos y pasarela de vidrio pisable en equipamiento asistencial&quot;},{&quot;src&quot;:&quot;https:\\\/\\\/www.garciafaura.com\\\/wp-content\\\/uploads\\\/2018\\\/11\\\/Reside\\u0300ncia-Esclat-09.jpg&quot;,&quot;title&quot;:&quot;Cerramientos y pasarela de vidrio pisable en equipamiento asistencial&quot;},{&quot;src&quot;:&quot;https:\\\/\\\/www.garciafaura.com\\\/wp-content\\\/uploads\\\/2018\\\/11\\\/Reside\\u0300ncia-Esclat-08.jpg&quot;,&quot;title&quot;:&quot;Cerramientos y pasarela de vidrio pisable en equipamiento asistencial&quot;},{&quot;src&quot;:&quot;https:\\\/\\\/www.garciafaura.com\\\/wp-content\\\/uploads\\\/2018\\\/11\\\/Reside\\u0300ncia-Esclat-07.jpg&quot;,&quot;title&quot;:&quot;Cerramientos y pasarela de vidrio pisable en equipamiento asistencial&quot;},{&quot;src&quot;:&quot;https:\\\/\\\/www.garciafaura.com\\\/wp-content\\\/uploads\\\/2018\\\/11\\\/Reside\\u0300ncia-Esclat-06.jpg&quot;,&quot;title&quot;:&quot;Cerramientos y pasarela de vidrio pisable en equipamiento asistencial&quot;},{&quot;src&quot;:&quot;https:\\\/\\\/www.garciafaura.com\\\/wp-content\\\/uploads\\\/2018\\\/11\\\/Reside\\u0300ncia-Esclat-05.jpg&quot;,&quot;title&quot;:&quot;Cerramientos y pasarela de vidrio pisable en equipamiento asistencial&quot;},{&quot;src&quot;:&quot;https:\\\/\\\/www.garciafaura.com\\\/wp-content\\\/uploads\\\/2018\\\/11\\\/Reside\\u0300ncia-Esclat-04.jpg&quot;,&quot;title&quot;:&quot;Cerramientos y pasarela de vidrio pisable en equipamiento asistencial&quot;},{&quot;src&quot;:&quot;https:\\\/\\\/www.garciafaura.com\\\/wp-content\\\/uploads\\\/2018\\\/11\\\/Reside\\u0300ncia-Esclat-03.jpg&quot;,&quot;title&quot;:&quot;Cerramientos y pasarela de vidrio pisable en equipamiento asistencial&quot;},{&quot;src&quot;:&quot;https:\\\/\\\/www.garciafaura.com\\\/wp-content\\\/uploads\\\/2018\\\/11\\\/Reside\\u0300ncia-Esclat-02.jpg&quot;,&quot;title&quot;:&quot;Cerramientos y pasarela de vidrio pisable en equipamiento asistencial&quot;}]\"><img loading=\"lazy\" decoding=\"async\" data-no-lazy=\"1\" class=\"portfolio-entry-img skip-lazy\" src=\"https:\/\/www.garciafaura.com\/wp-content\/uploads\/2018\/11\/Reside\u0300ncia-Esclat-000-600x314.jpg\" alt='' data-no-retina width=\"600\" height=\"314\" \/><\/a><\/div><div class=\"portfolio-entry-details entry-details wpex-clr\"><h2 class=\"portfolio-entry-title entry-title\"><a href=\"https:\/\/www.garciafaura.com\/es\/portfolio-item\/residencia-esclat-marina\/\" title=\"Residencia Esclat Marina\">Residencia Esclat Marina<\/a><\/h2><div class=\"portfolio-entry-categories entry-categories wpex-clr\"><a href=\"https:\/\/www.garciafaura.com\/es\/portfolio-category\/edificios-de-servicios\/\" class=\"term-49\">Edificios de Servicios<\/a><\/div><\/div><\/div><\/div><div class=\"portfolio-entry vcex-grid-item entry-has-details span_1_of_3 col col-2 vcex-isotope-entry vcex-no-margin-entry post-18159 entry type-portfolio has-media cat-49 cat-58 translation_priority-6\"><div class=\"portfolio-entry-inner entry-inner wpex-clr\"><div class=\"portfolio-entry-media entry-media wpex-clr\"><a href=\"https:\/\/www.garciafaura.com\/wp-content\/uploads\/2018\/11\/Centre-Cultura-Contempora\u0300nia-Barcelona-01.jpg\" title=\"Centro de Cultura Contempor\u00e1nea (CCCB)\" class=\"portfolio-entry-media-link wpex-lightbox-gallery\" data-gallery=\"[{&quot;src&quot;:&quot;https:\\\/\\\/www.garciafaura.com\\\/wp-content\\\/uploads\\\/2018\\\/11\\\/Centre-Cultura-Contempora\\u0300nia-Barcelona-01.jpg&quot;,&quot;title&quot;:&quot;Trabajos de vidrio, fachada y accesos de este emblem\\u00e1tico equipamiento barcelon\\u00e9s&quot;},{&quot;src&quot;:&quot;https:\\\/\\\/www.garciafaura.com\\\/wp-content\\\/uploads\\\/2018\\\/11\\\/Centre-Cultura-Contempora\\u0300nia-Barcelona-11.jpg&quot;,&quot;title&quot;:&quot;Trabajos de vidrio, fachada y accesos de este emblem\\u00e1tico equipamiento barcelon\\u00e9s&quot;},{&quot;src&quot;:&quot;https:\\\/\\\/www.garciafaura.com\\\/wp-content\\\/uploads\\\/2018\\\/11\\\/Centre-Cultura-Contempora\\u0300nia-Barcelona-10.jpg&quot;,&quot;title&quot;:&quot;Trabajos de vidrio, fachada y accesos de este emblem\\u00e1tico equipamiento barcelon\\u00e9s&quot;},{&quot;src&quot;:&quot;https:\\\/\\\/www.garciafaura.com\\\/wp-content\\\/uploads\\\/2018\\\/11\\\/Centre-Cultura-Contempora\\u0300nia-Barcelona-09.jpg&quot;,&quot;title&quot;:&quot;Trabajos de vidrio, fachada y accesos de este emblem\\u00e1tico equipamiento barcelon\\u00e9s&quot;},{&quot;src&quot;:&quot;https:\\\/\\\/www.garciafaura.com\\\/wp-content\\\/uploads\\\/2018\\\/11\\\/Centre-Cultura-Contempora\\u0300nia-Barcelona-08.jpg&quot;,&quot;title&quot;:&quot;Trabajos de vidrio, fachada y accesos de este emblem\\u00e1tico equipamiento barcelon\\u00e9s&quot;},{&quot;src&quot;:&quot;https:\\\/\\\/www.garciafaura.com\\\/wp-content\\\/uploads\\\/2018\\\/11\\\/Centre-Cultura-Contempora\\u0300nia-Barcelona-07.jpg&quot;,&quot;title&quot;:&quot;Trabajos de vidrio, fachada y accesos de este emblem\\u00e1tico equipamiento barcelon\\u00e9s&quot;},{&quot;src&quot;:&quot;https:\\\/\\\/www.garciafaura.com\\\/wp-content\\\/uploads\\\/2018\\\/11\\\/Centre-Cultura-Contempora\\u0300nia-Barcelona-06.jpg&quot;,&quot;title&quot;:&quot;Trabajos de vidrio, fachada y accesos de este emblem\\u00e1tico equipamiento barcelon\\u00e9s&quot;},{&quot;src&quot;:&quot;https:\\\/\\\/www.garciafaura.com\\\/wp-content\\\/uploads\\\/2018\\\/11\\\/Centre-Cultura-Contempora\\u0300nia-Barcelona-05.jpg&quot;,&quot;title&quot;:&quot;Trabajos de vidrio, fachada y accesos de este emblem\\u00e1tico equipamiento barcelon\\u00e9s&quot;},{&quot;src&quot;:&quot;https:\\\/\\\/www.garciafaura.com\\\/wp-content\\\/uploads\\\/2018\\\/11\\\/Centre-Cultura-Contempora\\u0300nia-Barcelona-04.jpg&quot;,&quot;title&quot;:&quot;Trabajos de vidrio, fachada y accesos de este emblem\\u00e1tico equipamiento barcelon\\u00e9s&quot;},{&quot;src&quot;:&quot;https:\\\/\\\/www.garciafaura.com\\\/wp-content\\\/uploads\\\/2018\\\/11\\\/Centre-Cultura-Contempora\\u0300nia-Barcelona-03.jpg&quot;,&quot;title&quot;:&quot;Trabajos de vidrio, fachada y accesos de este emblem\\u00e1tico equipamiento barcelon\\u00e9s&quot;},{&quot;src&quot;:&quot;https:\\\/\\\/www.garciafaura.com\\\/wp-content\\\/uploads\\\/2018\\\/11\\\/Centre-Cultura-Contempora\\u0300nia-Barcelona-02.jpg&quot;,&quot;title&quot;:&quot;Trabajos de vidrio, fachada y accesos de este emblem\\u00e1tico equipamiento barcelon\\u00e9s&quot;}]\"><img decoding=\"async\" data-no-lazy=\"1\" class=\"portfolio-entry-img skip-lazy\" src=\"https:\/\/www.garciafaura.com\/wp-content\/uploads\/2018\/11\/Centre-Cultura-Contempora\u0300nia-Barcelona-01-x.jpg\" alt=\"Trabajos De Vidrio, Fachada Y Accesos De Este Emblem\u00e1tico Equipamiento Barcelon\u00e9s\" data-no-retina \/><\/a><\/div><div class=\"portfolio-entry-details entry-details wpex-clr\"><h2 class=\"portfolio-entry-title entry-title\"><a href=\"https:\/\/www.garciafaura.com\/es\/portfolio-item\/centro-de-cultura-contemporanea-cccb\/\" title=\"Centro de Cultura Contempor\u00e1nea (CCCB)\">Centro de Cultura Contempor\u00e1nea (CCCB)<\/a><\/h2><div class=\"portfolio-entry-categories entry-categories wpex-clr\"><a href=\"https:\/\/www.garciafaura.com\/es\/portfolio-category\/edificios-de-servicios\/\" class=\"term-49\">Edificios de Servicios<\/a><\/div><\/div><\/div><\/div><div class=\"portfolio-entry vcex-grid-item entry-has-details span_1_of_3 col col-3 vcex-isotope-entry vcex-no-margin-entry post-18156 entry type-portfolio has-media cat-49 cat-51 translation_priority-6\"><div class=\"portfolio-entry-inner entry-inner wpex-clr\"><div class=\"portfolio-entry-media entry-media wpex-clr\"><a href=\"https:\/\/www.garciafaura.com\/wp-content\/uploads\/2018\/11\/Biblioteca-Blanquerna-11.jpg\" title=\"Biblioteca Blanquerna\" class=\"portfolio-entry-media-link wpex-lightbox-gallery\" data-gallery=\"[{&quot;src&quot;:&quot;https:\\\/\\\/www.garciafaura.com\\\/wp-content\\\/uploads\\\/2018\\\/11\\\/Biblioteca-Blanquerna-01.jpg&quot;,&quot;title&quot;:&quot;Muro cortina y accesos de la nueva Biblioteca de Comunicaci\\u00f3n de la URL&quot;},{&quot;src&quot;:&quot;https:\\\/\\\/www.garciafaura.com\\\/wp-content\\\/uploads\\\/2018\\\/11\\\/Biblioteca-Blanquerna-11.jpg&quot;,&quot;title&quot;:&quot;Muro cortina y accesos de la nueva Biblioteca de Comunicaci\\u00f3n de la URL&quot;},{&quot;src&quot;:&quot;https:\\\/\\\/www.garciafaura.com\\\/wp-content\\\/uploads\\\/2018\\\/11\\\/Biblioteca-Blanquerna-10.jpg&quot;,&quot;title&quot;:&quot;Muro cortina y accesos de la nueva Biblioteca de Comunicaci\\u00f3n de la URL&quot;},{&quot;src&quot;:&quot;https:\\\/\\\/www.garciafaura.com\\\/wp-content\\\/uploads\\\/2018\\\/11\\\/Biblioteca-Blanquerna-09.jpg&quot;,&quot;title&quot;:&quot;Muro cortina y accesos de la nueva Biblioteca de Comunicaci\\u00f3n de la URL&quot;},{&quot;src&quot;:&quot;https:\\\/\\\/www.garciafaura.com\\\/wp-content\\\/uploads\\\/2018\\\/11\\\/Biblioteca-Blanquerna-08.jpg&quot;,&quot;title&quot;:&quot;Muro cortina y accesos de la nueva Biblioteca de Comunicaci\\u00f3n de la URL&quot;},{&quot;src&quot;:&quot;https:\\\/\\\/www.garciafaura.com\\\/wp-content\\\/uploads\\\/2018\\\/11\\\/Biblioteca-Blanquerna-07.jpg&quot;,&quot;title&quot;:&quot;Muro cortina y accesos de la nueva Biblioteca de Comunicaci\\u00f3n de la URL&quot;},{&quot;src&quot;:&quot;https:\\\/\\\/www.garciafaura.com\\\/wp-content\\\/uploads\\\/2018\\\/11\\\/Biblioteca-Blanquerna-06.jpg&quot;,&quot;title&quot;:&quot;Muro cortina y accesos de la nueva Biblioteca de Comunicaci\\u00f3n de la URL&quot;},{&quot;src&quot;:&quot;https:\\\/\\\/www.garciafaura.com\\\/wp-content\\\/uploads\\\/2018\\\/11\\\/Biblioteca-Blanquerna-05.jpg&quot;,&quot;title&quot;:&quot;Muro cortina y accesos de la nueva Biblioteca de Comunicaci\\u00f3n de la URL&quot;},{&quot;src&quot;:&quot;https:\\\/\\\/www.garciafaura.com\\\/wp-content\\\/uploads\\\/2018\\\/11\\\/Biblioteca-Blanquerna-04.jpg&quot;,&quot;title&quot;:&quot;Muro cortina y accesos de la nueva Biblioteca de Comunicaci\\u00f3n de la URL&quot;},{&quot;src&quot;:&quot;https:\\\/\\\/www.garciafaura.com\\\/wp-content\\\/uploads\\\/2018\\\/11\\\/Biblioteca-Blanquerna-03.jpg&quot;,&quot;title&quot;:&quot;Muro cortina y accesos de la nueva Biblioteca de Comunicaci\\u00f3n de la URL&quot;},{&quot;src&quot;:&quot;https:\\\/\\\/www.garciafaura.com\\\/wp-content\\\/uploads\\\/2018\\\/11\\\/Biblioteca-Blanquerna-02.jpg&quot;,&quot;title&quot;:&quot;Muro cortina y accesos de la nueva Biblioteca de Comunicaci\\u00f3n de la URL&quot;}]\"><img decoding=\"async\" data-no-lazy=\"1\" class=\"portfolio-entry-img skip-lazy\" src=\"https:\/\/www.garciafaura.com\/wp-content\/uploads\/2018\/11\/Biblioteca-Blanquerna-11-x.jpg\" alt=\"Muro Cortina Y Accesos De La Nueva Biblioteca De Comunicaci\u00f3n De La URL\" data-no-retina \/><\/a><\/div><div class=\"portfolio-entry-details entry-details wpex-clr\"><h2 class=\"portfolio-entry-title entry-title\"><a href=\"https:\/\/www.garciafaura.com\/es\/portfolio-item\/biblioteca-blanquerna\/\" title=\"Biblioteca Blanquerna\">Biblioteca Blanquerna<\/a><\/h2><div class=\"portfolio-entry-categories entry-categories wpex-clr\"><a href=\"https:\/\/www.garciafaura.com\/es\/portfolio-category\/edificios-de-servicios\/\" class=\"term-49\">Edificios de Servicios<\/a><\/div><\/div><\/div><\/div><div class=\"portfolio-entry vcex-grid-item entry-has-details span_1_of_3 col col-1 vcex-isotope-entry vcex-no-margin-entry post-18152 entry type-portfolio has-media cat-49 translation_priority-6\"><div class=\"portfolio-entry-inner entry-inner wpex-clr\"><div class=\"portfolio-entry-media entry-media wpex-clr\"><a href=\"https:\/\/www.garciafaura.com\/wp-content\/uploads\/2018\/11\/Supermercat-Sitges-01.jpg\" title=\"Supermercado Sitges\" class=\"portfolio-entry-media-link wpex-lightbox-gallery\" data-gallery=\"[{&quot;src&quot;:&quot;https:\\\/\\\/www.garciafaura.com\\\/wp-content\\\/uploads\\\/2018\\\/11\\\/Supermercat-Sitges-01.jpg&quot;,&quot;title&quot;:&quot;Cerramientos y conjunto de trabajos de vidrio en establecimiento comercial de Sitges&quot;},{&quot;src&quot;:&quot;https:\\\/\\\/www.garciafaura.com\\\/wp-content\\\/uploads\\\/2018\\\/11\\\/Supermercat-Sitges-07.jpg&quot;,&quot;title&quot;:&quot;Cerramientos y conjunto de trabajos de vidrio en establecimiento comercial de Sitges&quot;},{&quot;src&quot;:&quot;https:\\\/\\\/www.garciafaura.com\\\/wp-content\\\/uploads\\\/2018\\\/11\\\/Supermercat-Sitges-06.jpg&quot;,&quot;title&quot;:&quot;Cerramientos y conjunto de trabajos de vidrio en establecimiento comercial de Sitges&quot;},{&quot;src&quot;:&quot;https:\\\/\\\/www.garciafaura.com\\\/wp-content\\\/uploads\\\/2018\\\/11\\\/Supermercat-Sitges-05.jpg&quot;,&quot;title&quot;:&quot;Cerramientos y conjunto de trabajos de vidrio en establecimiento comercial de Sitges&quot;},{&quot;src&quot;:&quot;https:\\\/\\\/www.garciafaura.com\\\/wp-content\\\/uploads\\\/2018\\\/11\\\/Supermercat-Sitges-04.jpg&quot;,&quot;title&quot;:&quot;Cerramientos y conjunto de trabajos de vidrio en establecimiento comercial de Sitges&quot;},{&quot;src&quot;:&quot;https:\\\/\\\/www.garciafaura.com\\\/wp-content\\\/uploads\\\/2018\\\/11\\\/Supermercat-Sitges-03.jpg&quot;,&quot;title&quot;:&quot;Cerramientos y conjunto de trabajos de vidrio en establecimiento comercial de Sitges&quot;},{&quot;src&quot;:&quot;https:\\\/\\\/www.garciafaura.com\\\/wp-content\\\/uploads\\\/2018\\\/11\\\/Supermercat-Sitges-02.jpg&quot;,&quot;title&quot;:&quot;Cerramientos y conjunto de trabajos de vidrio en establecimiento comercial de Sitges&quot;}]\"><img decoding=\"async\" data-no-lazy=\"1\" class=\"portfolio-entry-img skip-lazy\" src=\"https:\/\/www.garciafaura.com\/wp-content\/uploads\/2018\/11\/Supermercat-Sitges-01-x.jpg\" alt=\"Cerramientos Y Conjunto De Trabajos De Vidrio En Establecimiento Comercial De Sitges\" data-no-retina \/><\/a><\/div><div class=\"portfolio-entry-details entry-details wpex-clr\"><h2 class=\"portfolio-entry-title entry-title\"><a href=\"https:\/\/www.garciafaura.com\/es\/portfolio-item\/supermercado-sitges\/\" title=\"Supermercado Sitges\">Supermercado Sitges<\/a><\/h2><div class=\"portfolio-entry-categories entry-categories wpex-clr\"><a href=\"https:\/\/www.garciafaura.com\/es\/portfolio-category\/edificios-de-servicios\/\" class=\"term-49\">Edificios de Servicios<\/a><\/div><\/div><\/div><\/div><div class=\"portfolio-entry vcex-grid-item entry-has-details span_1_of_3 col col-2 vcex-isotope-entry vcex-no-margin-entry post-18149 entry type-portfolio has-media cat-49 translation_priority-6\"><div class=\"portfolio-entry-inner entry-inner wpex-clr\"><div class=\"portfolio-entry-media entry-media wpex-clr\"><a href=\"https:\/\/www.garciafaura.com\/wp-content\/uploads\/2018\/11\/Comissaria-Mossos-Tarragona-01.jpg\" title=\"Comisar\u00eda Mossos d&#8217;Esquadra Tarragona\" class=\"portfolio-entry-media-link wpex-lightbox-gallery\" data-gallery=\"[{&quot;src&quot;:&quot;https:\\\/\\\/www.garciafaura.com\\\/wp-content\\\/uploads\\\/2018\\\/11\\\/Comissaria-Mossos-Tarragona-01.jpg&quot;,&quot;title&quot;:&quot;Trabajos en aluminio y vidrio de la nueva comisar\\u00eda central del Campo de Tarragona&quot;},{&quot;src&quot;:&quot;https:\\\/\\\/www.garciafaura.com\\\/wp-content\\\/uploads\\\/2018\\\/11\\\/Comissaria-Mossos-Tarragona-26.jpg&quot;,&quot;title&quot;:&quot;Trabajos en aluminio y vidrio de la nueva comisar\\u00eda central del Campo de Tarragona&quot;},{&quot;src&quot;:&quot;https:\\\/\\\/www.garciafaura.com\\\/wp-content\\\/uploads\\\/2018\\\/11\\\/Comissaria-Mossos-Tarragona-25.jpg&quot;,&quot;title&quot;:&quot;Trabajos en aluminio y vidrio de la nueva comisar\\u00eda central del Campo de Tarragona&quot;},{&quot;src&quot;:&quot;https:\\\/\\\/www.garciafaura.com\\\/wp-content\\\/uploads\\\/2018\\\/11\\\/Comissaria-Mossos-Tarragona-24.jpg&quot;,&quot;title&quot;:&quot;Trabajos en aluminio y vidrio de la nueva comisar\\u00eda central del Campo de Tarragona&quot;},{&quot;src&quot;:&quot;https:\\\/\\\/www.garciafaura.com\\\/wp-content\\\/uploads\\\/2018\\\/11\\\/Comissaria-Mossos-Tarragona-23.jpg&quot;,&quot;title&quot;:&quot;Trabajos en aluminio y vidrio de la nueva comisar\\u00eda central del Campo de Tarragona&quot;},{&quot;src&quot;:&quot;https:\\\/\\\/www.garciafaura.com\\\/wp-content\\\/uploads\\\/2018\\\/11\\\/Comissaria-Mossos-Tarragona-22.jpg&quot;,&quot;title&quot;:&quot;Trabajos en aluminio y vidrio de la nueva comisar\\u00eda central del Campo de Tarragona&quot;},{&quot;src&quot;:&quot;https:\\\/\\\/www.garciafaura.com\\\/wp-content\\\/uploads\\\/2018\\\/11\\\/Comissaria-Mossos-Tarragona-21.jpg&quot;,&quot;title&quot;:&quot;Trabajos en aluminio y vidrio de la nueva comisar\\u00eda central del Campo de Tarragona&quot;},{&quot;src&quot;:&quot;https:\\\/\\\/www.garciafaura.com\\\/wp-content\\\/uploads\\\/2018\\\/11\\\/Comissaria-Mossos-Tarragona-20.jpg&quot;,&quot;title&quot;:&quot;Trabajos en aluminio y vidrio de la nueva comisar\\u00eda central del Campo de Tarragona&quot;},{&quot;src&quot;:&quot;https:\\\/\\\/www.garciafaura.com\\\/wp-content\\\/uploads\\\/2018\\\/11\\\/Comissaria-Mossos-Tarragona-19.jpg&quot;,&quot;title&quot;:&quot;Trabajos en aluminio y vidrio de la nueva comisar\\u00eda central del Campo de Tarragona&quot;},{&quot;src&quot;:&quot;https:\\\/\\\/www.garciafaura.com\\\/wp-content\\\/uploads\\\/2018\\\/11\\\/Comissaria-Mossos-Tarragona-18.jpg&quot;,&quot;title&quot;:&quot;Trabajos en aluminio y vidrio de la nueva comisar\\u00eda central del Campo de Tarragona&quot;},{&quot;src&quot;:&quot;https:\\\/\\\/www.garciafaura.com\\\/wp-content\\\/uploads\\\/2018\\\/11\\\/Comissaria-Mossos-Tarragona-17.jpg&quot;,&quot;title&quot;:&quot;Trabajos en aluminio y vidrio de la nueva comisar\\u00eda central del Campo de Tarragona&quot;},{&quot;src&quot;:&quot;https:\\\/\\\/www.garciafaura.com\\\/wp-content\\\/uploads\\\/2018\\\/11\\\/Comissaria-Mossos-Tarragona-16.jpg&quot;,&quot;title&quot;:&quot;Trabajos en aluminio y vidrio de la nueva comisar\\u00eda central del Campo de Tarragona&quot;},{&quot;src&quot;:&quot;https:\\\/\\\/www.garciafaura.com\\\/wp-content\\\/uploads\\\/2018\\\/11\\\/Comissaria-Mossos-Tarragona-15.jpg&quot;,&quot;title&quot;:&quot;Trabajos en aluminio y vidrio de la nueva comisar\\u00eda central del Campo de Tarragona&quot;},{&quot;src&quot;:&quot;https:\\\/\\\/www.garciafaura.com\\\/wp-content\\\/uploads\\\/2018\\\/11\\\/Comissaria-Mossos-Tarragona-14.jpg&quot;,&quot;title&quot;:&quot;Trabajos en aluminio y vidrio de la nueva comisar\\u00eda central del Campo de Tarragona&quot;},{&quot;src&quot;:&quot;https:\\\/\\\/www.garciafaura.com\\\/wp-content\\\/uploads\\\/2018\\\/11\\\/Comissaria-Mossos-Tarragona-13.jpg&quot;,&quot;title&quot;:&quot;Trabajos en aluminio y vidrio de la nueva comisar\\u00eda central del Campo de Tarragona&quot;},{&quot;src&quot;:&quot;https:\\\/\\\/www.garciafaura.com\\\/wp-content\\\/uploads\\\/2018\\\/11\\\/Comissaria-Mossos-Tarragona-12.jpg&quot;,&quot;title&quot;:&quot;Trabajos en aluminio y vidrio de la nueva comisar\\u00eda central del Campo de Tarragona&quot;},{&quot;src&quot;:&quot;https:\\\/\\\/www.garciafaura.com\\\/wp-content\\\/uploads\\\/2018\\\/11\\\/Comissaria-Mossos-Tarragona-11.jpg&quot;,&quot;title&quot;:&quot;Trabajos en aluminio y vidrio de la nueva comisar\\u00eda central del Campo de Tarragona&quot;},{&quot;src&quot;:&quot;https:\\\/\\\/www.garciafaura.com\\\/wp-content\\\/uploads\\\/2018\\\/11\\\/Comissaria-Mossos-Tarragona-10.jpg&quot;,&quot;title&quot;:&quot;Trabajos en aluminio y vidrio de la nueva comisar\\u00eda central del Campo de Tarragona&quot;},{&quot;src&quot;:&quot;https:\\\/\\\/www.garciafaura.com\\\/wp-content\\\/uploads\\\/2018\\\/11\\\/Comissaria-Mossos-Tarragona-09.jpg&quot;,&quot;title&quot;:&quot;Trabajos en aluminio y vidrio de la nueva comisar\\u00eda central del Campo de Tarragona&quot;},{&quot;src&quot;:&quot;https:\\\/\\\/www.garciafaura.com\\\/wp-content\\\/uploads\\\/2018\\\/11\\\/Comissaria-Mossos-Tarragona-08.jpg&quot;,&quot;title&quot;:&quot;Trabajos en aluminio y vidrio de la nueva comisar\\u00eda central del Campo de Tarragona&quot;},{&quot;src&quot;:&quot;https:\\\/\\\/www.garciafaura.com\\\/wp-content\\\/uploads\\\/2018\\\/11\\\/Comissaria-Mossos-Tarragona-07.jpg&quot;,&quot;title&quot;:&quot;Trabajos en aluminio y vidrio de la nueva comisar\\u00eda central del Campo de Tarragona&quot;},{&quot;src&quot;:&quot;https:\\\/\\\/www.garciafaura.com\\\/wp-content\\\/uploads\\\/2018\\\/11\\\/Comissaria-Mossos-Tarragona-06.jpg&quot;,&quot;title&quot;:&quot;Trabajos en aluminio y vidrio de la nueva comisar\\u00eda central del Campo de Tarragona&quot;},{&quot;src&quot;:&quot;https:\\\/\\\/www.garciafaura.com\\\/wp-content\\\/uploads\\\/2018\\\/11\\\/Comissaria-Mossos-Tarragona-05.jpg&quot;,&quot;title&quot;:&quot;Trabajos en aluminio y vidrio de la nueva comisar\\u00eda central del Campo de Tarragona&quot;},{&quot;src&quot;:&quot;https:\\\/\\\/www.garciafaura.com\\\/wp-content\\\/uploads\\\/2018\\\/11\\\/Comissaria-Mossos-Tarragona-04.jpg&quot;,&quot;title&quot;:&quot;Trabajos en aluminio y vidrio de la nueva comisar\\u00eda central del Campo de Tarragona&quot;},{&quot;src&quot;:&quot;https:\\\/\\\/www.garciafaura.com\\\/wp-content\\\/uploads\\\/2018\\\/11\\\/Comissaria-Mossos-Tarragona-03.jpg&quot;,&quot;title&quot;:&quot;Trabajos en aluminio y vidrio de la nueva comisar\\u00eda central del Campo de Tarragona&quot;},{&quot;src&quot;:&quot;https:\\\/\\\/www.garciafaura.com\\\/wp-content\\\/uploads\\\/2018\\\/11\\\/Comissaria-Mossos-Tarragona-02.jpg&quot;,&quot;title&quot;:&quot;Trabajos en aluminio y vidrio de la nueva comisar\\u00eda central del Campo de Tarragona&quot;}]\"><img decoding=\"async\" data-no-lazy=\"1\" class=\"portfolio-entry-img skip-lazy\" src=\"https:\/\/www.garciafaura.com\/wp-content\/uploads\/2018\/11\/Comissaria-Mossos-Tarragona-01-x.jpg\" alt=\"Trabajos En Aluminio Y Vidrio De La Nueva Comisar\u00eda Central Del Campo De Tarragona\" data-no-retina \/><\/a><\/div><div class=\"portfolio-entry-details entry-details wpex-clr\"><h2 class=\"portfolio-entry-title entry-title\"><a href=\"https:\/\/www.garciafaura.com\/es\/portfolio-item\/comisaria-mossos-desquadra-tarragona\/\" title=\"Comisar\u00eda Mossos d&#8217;Esquadra Tarragona\">Comisar\u00eda Mossos d&#8217;Esquadra Tarragona<\/a><\/h2><div class=\"portfolio-entry-categories entry-categories wpex-clr\"><a href=\"https:\/\/www.garciafaura.com\/es\/portfolio-category\/edificios-de-servicios\/\" class=\"term-49\">Edificios de Servicios<\/a><\/div><\/div><\/div><\/div><div class=\"portfolio-entry vcex-grid-item entry-has-details span_1_of_3 col col-3 vcex-isotope-entry vcex-no-margin-entry post-18146 entry type-portfolio has-media cat-49 cat-50 translation_priority-6\"><div class=\"portfolio-entry-inner entry-inner wpex-clr\"><div class=\"portfolio-entry-media entry-media wpex-clr\"><a href=\"https:\/\/www.garciafaura.com\/wp-content\/uploads\/2018\/11\/Centre-Penitenciari-Tarragona-01.jpg\" title=\"Centro Penitenciario Mas d&#8217;Enric\" class=\"portfolio-entry-media-link wpex-lightbox-gallery\" data-gallery=\"[{&quot;src&quot;:&quot;https:\\\/\\\/www.garciafaura.com\\\/wp-content\\\/uploads\\\/2018\\\/11\\\/Centre-Penitenciari-Tarragona-01.jpg&quot;,&quot;title&quot;:&quot;Conjunto de cerramientos interiores y exteriores del nuevo Centro Penitenciario Mas d&#039;Enric&quot;},{&quot;src&quot;:&quot;https:\\\/\\\/www.garciafaura.com\\\/wp-content\\\/uploads\\\/2018\\\/11\\\/Centre-Penitenciari-Tarragona-55.jpg&quot;,&quot;title&quot;:&quot;Conjunto de cerramientos interiores y exteriores del nuevo Centro Penitenciario Mas d&#039;Enric&quot;},{&quot;src&quot;:&quot;https:\\\/\\\/www.garciafaura.com\\\/wp-content\\\/uploads\\\/2018\\\/11\\\/Centre-Penitenciari-Tarragona-54.jpg&quot;,&quot;title&quot;:&quot;Conjunto de cerramientos interiores y exteriores del nuevo Centro Penitenciario Mas d&#039;Enric&quot;},{&quot;src&quot;:&quot;https:\\\/\\\/www.garciafaura.com\\\/wp-content\\\/uploads\\\/2018\\\/11\\\/Centre-Penitenciari-Tarragona-53.jpg&quot;,&quot;title&quot;:&quot;Conjunto de cerramientos interiores y exteriores del nuevo Centro Penitenciario Mas d&#039;Enric&quot;},{&quot;src&quot;:&quot;https:\\\/\\\/www.garciafaura.com\\\/wp-content\\\/uploads\\\/2018\\\/11\\\/Centre-Penitenciari-Tarragona-52.jpg&quot;,&quot;title&quot;:&quot;Conjunto de cerramientos interiores y exteriores del nuevo Centro Penitenciario Mas d&#039;Enric&quot;},{&quot;src&quot;:&quot;https:\\\/\\\/www.garciafaura.com\\\/wp-content\\\/uploads\\\/2018\\\/11\\\/Centre-Penitenciari-Tarragona-51.jpg&quot;,&quot;title&quot;:&quot;Conjunto de cerramientos interiores y exteriores del nuevo Centro Penitenciario Mas d&#039;Enric&quot;},{&quot;src&quot;:&quot;https:\\\/\\\/www.garciafaura.com\\\/wp-content\\\/uploads\\\/2018\\\/11\\\/Centre-Penitenciari-Tarragona-50.jpg&quot;,&quot;title&quot;:&quot;Conjunto de cerramientos interiores y exteriores del nuevo Centro Penitenciario Mas d&#039;Enric&quot;},{&quot;src&quot;:&quot;https:\\\/\\\/www.garciafaura.com\\\/wp-content\\\/uploads\\\/2018\\\/11\\\/Centre-Penitenciari-Tarragona-49.jpg&quot;,&quot;title&quot;:&quot;Conjunto de cerramientos interiores y exteriores del nuevo Centro Penitenciario Mas d&#039;Enric&quot;},{&quot;src&quot;:&quot;https:\\\/\\\/www.garciafaura.com\\\/wp-content\\\/uploads\\\/2018\\\/11\\\/Centre-Penitenciari-Tarragona-48.jpg&quot;,&quot;title&quot;:&quot;Conjunto de cerramientos interiores y exteriores del nuevo Centro Penitenciario Mas d&#039;Enric&quot;},{&quot;src&quot;:&quot;https:\\\/\\\/www.garciafaura.com\\\/wp-content\\\/uploads\\\/2018\\\/11\\\/Centre-Penitenciari-Tarragona-47.jpg&quot;,&quot;title&quot;:&quot;Conjunto de cerramientos interiores y exteriores del nuevo Centro Penitenciario Mas d&#039;Enric&quot;},{&quot;src&quot;:&quot;https:\\\/\\\/www.garciafaura.com\\\/wp-content\\\/uploads\\\/2018\\\/11\\\/Centre-Penitenciari-Tarragona-46.jpg&quot;,&quot;title&quot;:&quot;Conjunto de cerramientos interiores y exteriores del nuevo Centro Penitenciario Mas d&#039;Enric&quot;},{&quot;src&quot;:&quot;https:\\\/\\\/www.garciafaura.com\\\/wp-content\\\/uploads\\\/2018\\\/11\\\/Centre-Penitenciari-Tarragona-45.jpg&quot;,&quot;title&quot;:&quot;Conjunto de cerramientos interiores y exteriores del nuevo Centro Penitenciario Mas d&#039;Enric&quot;},{&quot;src&quot;:&quot;https:\\\/\\\/www.garciafaura.com\\\/wp-content\\\/uploads\\\/2018\\\/11\\\/Centre-Penitenciari-Tarragona-44.jpg&quot;,&quot;title&quot;:&quot;Conjunto de cerramientos interiores y exteriores del nuevo Centro Penitenciario Mas d&#039;Enric&quot;},{&quot;src&quot;:&quot;https:\\\/\\\/www.garciafaura.com\\\/wp-content\\\/uploads\\\/2018\\\/11\\\/Centre-Penitenciari-Tarragona-43.jpg&quot;,&quot;title&quot;:&quot;Conjunto de cerramientos interiores y exteriores del nuevo Centro Penitenciario Mas d&#039;Enric&quot;},{&quot;src&quot;:&quot;https:\\\/\\\/www.garciafaura.com\\\/wp-content\\\/uploads\\\/2018\\\/11\\\/Centre-Penitenciari-Tarragona-42.jpg&quot;,&quot;title&quot;:&quot;Conjunto de cerramientos interiores y exteriores del nuevo Centro Penitenciario Mas d&#039;Enric&quot;},{&quot;src&quot;:&quot;https:\\\/\\\/www.garciafaura.com\\\/wp-content\\\/uploads\\\/2018\\\/11\\\/Centre-Penitenciari-Tarragona-41.jpg&quot;,&quot;title&quot;:&quot;Conjunto de cerramientos interiores y exteriores del nuevo Centro Penitenciario Mas d&#039;Enric&quot;},{&quot;src&quot;:&quot;https:\\\/\\\/www.garciafaura.com\\\/wp-content\\\/uploads\\\/2018\\\/11\\\/Centre-Penitenciari-Tarragona-39.jpg&quot;,&quot;title&quot;:&quot;Conjunto de cerramientos interiores y exteriores del nuevo Centro Penitenciario Mas d&#039;Enric&quot;},{&quot;src&quot;:&quot;https:\\\/\\\/www.garciafaura.com\\\/wp-content\\\/uploads\\\/2018\\\/11\\\/Centre-Penitenciari-Tarragona-40.jpg&quot;,&quot;title&quot;:&quot;Conjunto de cerramientos interiores y exteriores del nuevo Centro Penitenciario Mas d&#039;Enric&quot;},{&quot;src&quot;:&quot;https:\\\/\\\/www.garciafaura.com\\\/wp-content\\\/uploads\\\/2018\\\/11\\\/Centre-Penitenciari-Tarragona-38.jpg&quot;,&quot;title&quot;:&quot;Conjunto de cerramientos interiores y exteriores del nuevo Centro Penitenciario Mas d&#039;Enric&quot;},{&quot;src&quot;:&quot;https:\\\/\\\/www.garciafaura.com\\\/wp-content\\\/uploads\\\/2018\\\/11\\\/Centre-Penitenciari-Tarragona-37.jpg&quot;,&quot;title&quot;:&quot;Conjunto de cerramientos interiores y exteriores del nuevo Centro Penitenciario Mas d&#039;Enric&quot;},{&quot;src&quot;:&quot;https:\\\/\\\/www.garciafaura.com\\\/wp-content\\\/uploads\\\/2018\\\/11\\\/Centre-Penitenciari-Tarragona-36.jpg&quot;,&quot;title&quot;:&quot;Conjunto de cerramientos interiores y exteriores del nuevo Centro Penitenciario Mas d&#039;Enric&quot;},{&quot;src&quot;:&quot;https:\\\/\\\/www.garciafaura.com\\\/wp-content\\\/uploads\\\/2018\\\/11\\\/Centre-Penitenciari-Tarragona-35.jpg&quot;,&quot;title&quot;:&quot;Conjunto de cerramientos interiores y exteriores del nuevo Centro Penitenciario Mas d&#039;Enric&quot;},{&quot;src&quot;:&quot;https:\\\/\\\/www.garciafaura.com\\\/wp-content\\\/uploads\\\/2018\\\/11\\\/Centre-Penitenciari-Tarragona-34.jpg&quot;,&quot;title&quot;:&quot;Conjunto de cerramientos interiores y exteriores del nuevo Centro Penitenciario Mas d&#039;Enric&quot;},{&quot;src&quot;:&quot;https:\\\/\\\/www.garciafaura.com\\\/wp-content\\\/uploads\\\/2018\\\/11\\\/Centre-Penitenciari-Tarragona-33.jpg&quot;,&quot;title&quot;:&quot;Conjunto de cerramientos interiores y exteriores del nuevo Centro Penitenciario Mas d&#039;Enric&quot;},{&quot;src&quot;:&quot;https:\\\/\\\/www.garciafaura.com\\\/wp-content\\\/uploads\\\/2018\\\/11\\\/Centre-Penitenciari-Tarragona-32.jpg&quot;,&quot;title&quot;:&quot;Conjunto de cerramientos interiores y exteriores del nuevo Centro Penitenciario Mas d&#039;Enric&quot;},{&quot;src&quot;:&quot;https:\\\/\\\/www.garciafaura.com\\\/wp-content\\\/uploads\\\/2018\\\/11\\\/Centre-Penitenciari-Tarragona-31.jpg&quot;,&quot;title&quot;:&quot;Conjunto de cerramientos interiores y exteriores del nuevo Centro Penitenciario Mas d&#039;Enric&quot;},{&quot;src&quot;:&quot;https:\\\/\\\/www.garciafaura.com\\\/wp-content\\\/uploads\\\/2018\\\/11\\\/Centre-Penitenciari-Tarragona-30.jpg&quot;,&quot;title&quot;:&quot;Conjunto de cerramientos interiores y exteriores del nuevo Centro Penitenciario Mas d&#039;Enric&quot;},{&quot;src&quot;:&quot;https:\\\/\\\/www.garciafaura.com\\\/wp-content\\\/uploads\\\/2018\\\/11\\\/Centre-Penitenciari-Tarragona-29.jpg&quot;,&quot;title&quot;:&quot;Conjunto de cerramientos interiores y exteriores del nuevo Centro Penitenciario Mas d&#039;Enric&quot;},{&quot;src&quot;:&quot;https:\\\/\\\/www.garciafaura.com\\\/wp-content\\\/uploads\\\/2018\\\/11\\\/Centre-Penitenciari-Tarragona-28.jpg&quot;,&quot;title&quot;:&quot;Conjunto de cerramientos interiores y exteriores del nuevo Centro Penitenciario Mas d&#039;Enric&quot;},{&quot;src&quot;:&quot;https:\\\/\\\/www.garciafaura.com\\\/wp-content\\\/uploads\\\/2018\\\/11\\\/Centre-Penitenciari-Tarragona-27.jpg&quot;,&quot;title&quot;:&quot;Conjunto de cerramientos interiores y exteriores del nuevo Centro Penitenciario Mas d&#039;Enric&quot;},{&quot;src&quot;:&quot;https:\\\/\\\/www.garciafaura.com\\\/wp-content\\\/uploads\\\/2018\\\/11\\\/Centre-Penitenciari-Tarragona-26.jpg&quot;,&quot;title&quot;:&quot;Conjunto de cerramientos interiores y exteriores del nuevo Centro Penitenciario Mas d&#039;Enric&quot;},{&quot;src&quot;:&quot;https:\\\/\\\/www.garciafaura.com\\\/wp-content\\\/uploads\\\/2018\\\/11\\\/Centre-Penitenciari-Tarragona-25.jpg&quot;,&quot;title&quot;:&quot;Conjunto de cerramientos interiores y exteriores del nuevo Centro Penitenciario Mas d&#039;Enric&quot;},{&quot;src&quot;:&quot;https:\\\/\\\/www.garciafaura.com\\\/wp-content\\\/uploads\\\/2018\\\/11\\\/Centre-Penitenciari-Tarragona-24.jpg&quot;,&quot;title&quot;:&quot;Conjunto de cerramientos interiores y exteriores del nuevo Centro Penitenciario Mas d&#039;Enric&quot;},{&quot;src&quot;:&quot;https:\\\/\\\/www.garciafaura.com\\\/wp-content\\\/uploads\\\/2018\\\/11\\\/Centre-Penitenciari-Tarragona-23.jpg&quot;,&quot;title&quot;:&quot;Conjunto de cerramientos interiores y exteriores del nuevo Centro Penitenciario Mas d&#039;Enric&quot;},{&quot;src&quot;:&quot;https:\\\/\\\/www.garciafaura.com\\\/wp-content\\\/uploads\\\/2018\\\/11\\\/Centre-Penitenciari-Tarragona-22.jpg&quot;,&quot;title&quot;:&quot;Conjunto de cerramientos interiores y exteriores del nuevo Centro Penitenciario Mas d&#039;Enric&quot;},{&quot;src&quot;:&quot;https:\\\/\\\/www.garciafaura.com\\\/wp-content\\\/uploads\\\/2018\\\/11\\\/Centre-Penitenciari-Tarragona-21.jpg&quot;,&quot;title&quot;:&quot;Conjunto de cerramientos interiores y exteriores del nuevo Centro Penitenciario Mas d&#039;Enric&quot;},{&quot;src&quot;:&quot;https:\\\/\\\/www.garciafaura.com\\\/wp-content\\\/uploads\\\/2018\\\/11\\\/Centre-Penitenciari-Tarragona-20.jpg&quot;,&quot;title&quot;:&quot;Conjunto de cerramientos interiores y exteriores del nuevo Centro Penitenciario Mas d&#039;Enric&quot;},{&quot;src&quot;:&quot;https:\\\/\\\/www.garciafaura.com\\\/wp-content\\\/uploads\\\/2018\\\/11\\\/Centre-Penitenciari-Tarragona-19.jpg&quot;,&quot;title&quot;:&quot;Conjunto de cerramientos interiores y exteriores del nuevo Centro Penitenciario Mas d&#039;Enric&quot;},{&quot;src&quot;:&quot;https:\\\/\\\/www.garciafaura.com\\\/wp-content\\\/uploads\\\/2018\\\/11\\\/Centre-Penitenciari-Tarragona-18.jpg&quot;,&quot;title&quot;:&quot;Conjunto de cerramientos interiores y exteriores del nuevo Centro Penitenciario Mas d&#039;Enric&quot;},{&quot;src&quot;:&quot;https:\\\/\\\/www.garciafaura.com\\\/wp-content\\\/uploads\\\/2018\\\/11\\\/Centre-Penitenciari-Tarragona-17.jpg&quot;,&quot;title&quot;:&quot;Conjunto de cerramientos interiores y exteriores del nuevo Centro Penitenciario Mas d&#039;Enric&quot;},{&quot;src&quot;:&quot;https:\\\/\\\/www.garciafaura.com\\\/wp-content\\\/uploads\\\/2018\\\/11\\\/Centre-Penitenciari-Tarragona-16.jpg&quot;,&quot;title&quot;:&quot;Conjunto de cerramientos interiores y exteriores del nuevo Centro Penitenciario Mas d&#039;Enric&quot;},{&quot;src&quot;:&quot;https:\\\/\\\/www.garciafaura.com\\\/wp-content\\\/uploads\\\/2018\\\/11\\\/Centre-Penitenciari-Tarragona-15.jpg&quot;,&quot;title&quot;:&quot;Conjunto de cerramientos interiores y exteriores del nuevo Centro Penitenciario Mas d&#039;Enric&quot;},{&quot;src&quot;:&quot;https:\\\/\\\/www.garciafaura.com\\\/wp-content\\\/uploads\\\/2018\\\/11\\\/Centre-Penitenciari-Tarragona-14.jpg&quot;,&quot;title&quot;:&quot;Conjunto de cerramientos interiores y exteriores del nuevo Centro Penitenciario Mas d&#039;Enric&quot;},{&quot;src&quot;:&quot;https:\\\/\\\/www.garciafaura.com\\\/wp-content\\\/uploads\\\/2018\\\/11\\\/Centre-Penitenciari-Tarragona-13.jpg&quot;,&quot;title&quot;:&quot;Conjunto de cerramientos interiores y exteriores del nuevo Centro Penitenciario Mas d&#039;Enric&quot;},{&quot;src&quot;:&quot;https:\\\/\\\/www.garciafaura.com\\\/wp-content\\\/uploads\\\/2018\\\/11\\\/Centre-Penitenciari-Tarragona-12.jpg&quot;,&quot;title&quot;:&quot;Conjunto de cerramientos interiores y exteriores del nuevo Centro Penitenciario Mas d&#039;Enric&quot;},{&quot;src&quot;:&quot;https:\\\/\\\/www.garciafaura.com\\\/wp-content\\\/uploads\\\/2018\\\/11\\\/Centre-Penitenciari-Tarragona-11.jpg&quot;,&quot;title&quot;:&quot;Conjunto de cerramientos interiores y exteriores del nuevo Centro Penitenciario Mas d&#039;Enric&quot;},{&quot;src&quot;:&quot;https:\\\/\\\/www.garciafaura.com\\\/wp-content\\\/uploads\\\/2018\\\/11\\\/Centre-Penitenciari-Tarragona-10.jpg&quot;,&quot;title&quot;:&quot;Conjunto de cerramientos interiores y exteriores del nuevo Centro Penitenciario Mas d&#039;Enric&quot;},{&quot;src&quot;:&quot;https:\\\/\\\/www.garciafaura.com\\\/wp-content\\\/uploads\\\/2018\\\/11\\\/Centre-Penitenciari-Tarragona-09.jpg&quot;,&quot;title&quot;:&quot;Conjunto de cerramientos interiores y exteriores del nuevo Centro Penitenciario Mas d&#039;Enric&quot;},{&quot;src&quot;:&quot;https:\\\/\\\/www.garciafaura.com\\\/wp-content\\\/uploads\\\/2018\\\/11\\\/Centre-Penitenciari-Tarragona-08.jpg&quot;,&quot;title&quot;:&quot;Conjunto de cerramientos interiores y exteriores del nuevo Centro Penitenciario Mas d&#039;Enric&quot;},{&quot;src&quot;:&quot;https:\\\/\\\/www.garciafaura.com\\\/wp-content\\\/uploads\\\/2018\\\/11\\\/Centre-Penitenciari-Tarragona-07.jpg&quot;,&quot;title&quot;:&quot;Conjunto de cerramientos interiores y exteriores del nuevo Centro Penitenciario Mas d&#039;Enric&quot;},{&quot;src&quot;:&quot;https:\\\/\\\/www.garciafaura.com\\\/wp-content\\\/uploads\\\/2018\\\/11\\\/Centre-Penitenciari-Tarragona-06.jpg&quot;,&quot;title&quot;:&quot;Conjunto de cerramientos interiores y exteriores del nuevo Centro Penitenciario Mas d&#039;Enric&quot;},{&quot;src&quot;:&quot;https:\\\/\\\/www.garciafaura.com\\\/wp-content\\\/uploads\\\/2018\\\/11\\\/Centre-Penitenciari-Tarragona-05.jpg&quot;,&quot;title&quot;:&quot;Conjunto de cerramientos interiores y exteriores del nuevo Centro Penitenciario Mas d&#039;Enric&quot;},{&quot;src&quot;:&quot;https:\\\/\\\/www.garciafaura.com\\\/wp-content\\\/uploads\\\/2018\\\/11\\\/Centre-Penitenciari-Tarragona-04.jpg&quot;,&quot;title&quot;:&quot;Conjunto de cerramientos interiores y exteriores del nuevo Centro Penitenciario Mas d&#039;Enric&quot;},{&quot;src&quot;:&quot;https:\\\/\\\/www.garciafaura.com\\\/wp-content\\\/uploads\\\/2018\\\/11\\\/Centre-Penitenciari-Tarragona-02.jpg&quot;,&quot;title&quot;:&quot;Conjunto de cerramientos interiores y exteriores del nuevo Centro Penitenciario Mas d&#039;Enric&quot;},{&quot;src&quot;:&quot;https:\\\/\\\/www.garciafaura.com\\\/wp-content\\\/uploads\\\/2018\\\/11\\\/Centre-Penitenciari-Tarragona-03.jpg&quot;,&quot;title&quot;:&quot;Conjunto de cerramientos interiores y exteriores del nuevo Centro Penitenciario Mas d&#039;Enric&quot;}]\"><img loading=\"lazy\" decoding=\"async\" data-no-lazy=\"1\" class=\"portfolio-entry-img skip-lazy\" src=\"https:\/\/www.garciafaura.com\/wp-content\/uploads\/2018\/11\/Centre-Penitenciari-Tarragona-01-600x314.jpg\" alt=\"Conjunto De Cerramientos Interiores Y Exteriores Del Nuevo Centro Penitenciario Mas D'Enric\" data-no-retina width=\"600\" height=\"314\" \/><\/a><\/div><div class=\"portfolio-entry-details entry-details wpex-clr\"><h2 class=\"portfolio-entry-title entry-title\"><a href=\"https:\/\/www.garciafaura.com\/es\/portfolio-item\/centro-penitenciario-mas-denric\/\" title=\"Centro Penitenciario Mas d&#8217;Enric\">Centro Penitenciario Mas d&#8217;Enric<\/a><\/h2><div class=\"portfolio-entry-categories entry-categories wpex-clr\"><a href=\"https:\/\/www.garciafaura.com\/es\/portfolio-category\/edificios-de-servicios\/\" class=\"term-49\">Edificios de Servicios<\/a><\/div><\/div><\/div><\/div><div class=\"portfolio-entry vcex-grid-item entry-has-details span_1_of_3 col col-1 vcex-isotope-entry vcex-no-margin-entry post-18143 entry type-portfolio has-media cat-49 translation_priority-6\"><div class=\"portfolio-entry-inner entry-inner wpex-clr\"><div class=\"portfolio-entry-media entry-media wpex-clr\"><a href=\"https:\/\/www.garciafaura.com\/wp-content\/uploads\/2018\/11\/Tanatori-Vilafranca-02.jpg\" title=\"Tanatorio de Vilafranca del Pened\u00e8s\" class=\"portfolio-entry-media-link wpex-lightbox-gallery\" data-gallery=\"[{&quot;src&quot;:&quot;https:\\\/\\\/www.garciafaura.com\\\/wp-content\\\/uploads\\\/2018\\\/11\\\/Tanatori-Vilafranca-01.jpg&quot;,&quot;title&quot;:&quot;Cerramientos y trabajos en hierro del nuevo tanatorio de la capital del Alt Pened\\u00e8s&quot;},{&quot;src&quot;:&quot;https:\\\/\\\/www.garciafaura.com\\\/wp-content\\\/uploads\\\/2018\\\/11\\\/Tanatori-Vilafranca-76.jpg&quot;,&quot;title&quot;:&quot;Cerramientos y trabajos en hierro del nuevo tanatorio de la capital del Alt Pened\\u00e8s&quot;},{&quot;src&quot;:&quot;https:\\\/\\\/www.garciafaura.com\\\/wp-content\\\/uploads\\\/2018\\\/11\\\/Tanatori-Vilafranca-75.jpg&quot;,&quot;title&quot;:&quot;Cerramientos y trabajos en hierro del nuevo tanatorio de la capital del Alt Pened\\u00e8s&quot;},{&quot;src&quot;:&quot;https:\\\/\\\/www.garciafaura.com\\\/wp-content\\\/uploads\\\/2018\\\/11\\\/Tanatori-Vilafranca-74.jpg&quot;,&quot;title&quot;:&quot;Cerramientos y trabajos en hierro del nuevo tanatorio de la capital del Alt Pened\\u00e8s&quot;},{&quot;src&quot;:&quot;https:\\\/\\\/www.garciafaura.com\\\/wp-content\\\/uploads\\\/2018\\\/11\\\/Tanatori-Vilafranca-73.jpg&quot;,&quot;title&quot;:&quot;Cerramientos y trabajos en hierro del nuevo tanatorio de la capital del Alt Pened\\u00e8s&quot;},{&quot;src&quot;:&quot;https:\\\/\\\/www.garciafaura.com\\\/wp-content\\\/uploads\\\/2018\\\/11\\\/Tanatori-Vilafranca-72.jpg&quot;,&quot;title&quot;:&quot;Cerramientos y trabajos en hierro del nuevo tanatorio de la capital del Alt Pened\\u00e8s&quot;},{&quot;src&quot;:&quot;https:\\\/\\\/www.garciafaura.com\\\/wp-content\\\/uploads\\\/2018\\\/11\\\/Tanatori-Vilafranca-71.jpg&quot;,&quot;title&quot;:&quot;Cerramientos y trabajos en hierro del nuevo tanatorio de la capital del Alt Pened\\u00e8s&quot;},{&quot;src&quot;:&quot;https:\\\/\\\/www.garciafaura.com\\\/wp-content\\\/uploads\\\/2018\\\/11\\\/Tanatori-Vilafranca-70.jpg&quot;,&quot;title&quot;:&quot;Cerramientos y trabajos en hierro del nuevo tanatorio de la capital del Alt Pened\\u00e8s&quot;},{&quot;src&quot;:&quot;https:\\\/\\\/www.garciafaura.com\\\/wp-content\\\/uploads\\\/2018\\\/11\\\/Tanatori-Vilafranca-69.jpg&quot;,&quot;title&quot;:&quot;Cerramientos y trabajos en hierro del nuevo tanatorio de la capital del Alt Pened\\u00e8s&quot;},{&quot;src&quot;:&quot;https:\\\/\\\/www.garciafaura.com\\\/wp-content\\\/uploads\\\/2018\\\/11\\\/Tanatori-Vilafranca-68.jpg&quot;,&quot;title&quot;:&quot;Cerramientos y trabajos en hierro del nuevo tanatorio de la capital del Alt Pened\\u00e8s&quot;},{&quot;src&quot;:&quot;https:\\\/\\\/www.garciafaura.com\\\/wp-content\\\/uploads\\\/2018\\\/11\\\/Tanatori-Vilafranca-67.jpg&quot;,&quot;title&quot;:&quot;Cerramientos y trabajos en hierro del nuevo tanatorio de la capital del Alt Pened\\u00e8s&quot;},{&quot;src&quot;:&quot;https:\\\/\\\/www.garciafaura.com\\\/wp-content\\\/uploads\\\/2018\\\/11\\\/Tanatori-Vilafranca-66.jpg&quot;,&quot;title&quot;:&quot;Cerramientos y trabajos en hierro del nuevo tanatorio de la capital del Alt Pened\\u00e8s&quot;},{&quot;src&quot;:&quot;https:\\\/\\\/www.garciafaura.com\\\/wp-content\\\/uploads\\\/2018\\\/11\\\/Tanatori-Vilafranca-65.jpg&quot;,&quot;title&quot;:&quot;Cerramientos y trabajos en hierro del nuevo tanatorio de la capital del Alt Pened\\u00e8s&quot;},{&quot;src&quot;:&quot;https:\\\/\\\/www.garciafaura.com\\\/wp-content\\\/uploads\\\/2018\\\/11\\\/Tanatori-Vilafranca-64.jpg&quot;,&quot;title&quot;:&quot;Cerramientos y trabajos en hierro del nuevo tanatorio de la capital del Alt Pened\\u00e8s&quot;},{&quot;src&quot;:&quot;https:\\\/\\\/www.garciafaura.com\\\/wp-content\\\/uploads\\\/2018\\\/11\\\/Tanatori-Vilafranca-63.jpg&quot;,&quot;title&quot;:&quot;Cerramientos y trabajos en hierro del nuevo tanatorio de la capital del Alt Pened\\u00e8s&quot;},{&quot;src&quot;:&quot;https:\\\/\\\/www.garciafaura.com\\\/wp-content\\\/uploads\\\/2018\\\/11\\\/Tanatori-Vilafranca-62.jpg&quot;,&quot;title&quot;:&quot;Cerramientos y trabajos en hierro del nuevo tanatorio de la capital del Alt Pened\\u00e8s&quot;},{&quot;src&quot;:&quot;https:\\\/\\\/www.garciafaura.com\\\/wp-content\\\/uploads\\\/2018\\\/11\\\/Tanatori-Vilafranca-61.jpg&quot;,&quot;title&quot;:&quot;Cerramientos y trabajos en hierro del nuevo tanatorio de la capital del Alt Pened\\u00e8s&quot;},{&quot;src&quot;:&quot;https:\\\/\\\/www.garciafaura.com\\\/wp-content\\\/uploads\\\/2018\\\/11\\\/Tanatori-Vilafranca-60.jpg&quot;,&quot;title&quot;:&quot;Cerramientos y trabajos en hierro del nuevo tanatorio de la capital del Alt Pened\\u00e8s&quot;},{&quot;src&quot;:&quot;https:\\\/\\\/www.garciafaura.com\\\/wp-content\\\/uploads\\\/2018\\\/11\\\/Tanatori-Vilafranca-59.jpg&quot;,&quot;title&quot;:&quot;Cerramientos y trabajos en hierro del nuevo tanatorio de la capital del Alt Pened\\u00e8s&quot;},{&quot;src&quot;:&quot;https:\\\/\\\/www.garciafaura.com\\\/wp-content\\\/uploads\\\/2018\\\/11\\\/Tanatori-Vilafranca-58.jpg&quot;,&quot;title&quot;:&quot;Cerramientos y trabajos en hierro del nuevo tanatorio de la capital del Alt Pened\\u00e8s&quot;},{&quot;src&quot;:&quot;https:\\\/\\\/www.garciafaura.com\\\/wp-content\\\/uploads\\\/2018\\\/11\\\/Tanatori-Vilafranca-57.jpg&quot;,&quot;title&quot;:&quot;Cerramientos y trabajos en hierro del nuevo tanatorio de la capital del Alt Pened\\u00e8s&quot;},{&quot;src&quot;:&quot;https:\\\/\\\/www.garciafaura.com\\\/wp-content\\\/uploads\\\/2018\\\/11\\\/Tanatori-Vilafranca-56.jpg&quot;,&quot;title&quot;:&quot;Cerramientos y trabajos en hierro del nuevo tanatorio de la capital del Alt Pened\\u00e8s&quot;},{&quot;src&quot;:&quot;https:\\\/\\\/www.garciafaura.com\\\/wp-content\\\/uploads\\\/2018\\\/11\\\/Tanatori-Vilafranca-55.jpg&quot;,&quot;title&quot;:&quot;Cerramientos y trabajos en hierro del nuevo tanatorio de la capital del Alt Pened\\u00e8s&quot;},{&quot;src&quot;:&quot;https:\\\/\\\/www.garciafaura.com\\\/wp-content\\\/uploads\\\/2018\\\/11\\\/Tanatori-Vilafranca-54.jpg&quot;,&quot;title&quot;:&quot;Cerramientos y trabajos en hierro del nuevo tanatorio de la capital del Alt Pened\\u00e8s&quot;},{&quot;src&quot;:&quot;https:\\\/\\\/www.garciafaura.com\\\/wp-content\\\/uploads\\\/2018\\\/11\\\/Tanatori-Vilafranca-53.jpg&quot;,&quot;title&quot;:&quot;Cerramientos y trabajos en hierro del nuevo tanatorio de la capital del Alt Pened\\u00e8s&quot;},{&quot;src&quot;:&quot;https:\\\/\\\/www.garciafaura.com\\\/wp-content\\\/uploads\\\/2018\\\/11\\\/Tanatori-Vilafranca-52.jpg&quot;,&quot;title&quot;:&quot;Cerramientos y trabajos en hierro del nuevo tanatorio de la capital del Alt Pened\\u00e8s&quot;},{&quot;src&quot;:&quot;https:\\\/\\\/www.garciafaura.com\\\/wp-content\\\/uploads\\\/2018\\\/11\\\/Tanatori-Vilafranca-51.jpg&quot;,&quot;title&quot;:&quot;Cerramientos y trabajos en hierro del nuevo tanatorio de la capital del Alt Pened\\u00e8s&quot;},{&quot;src&quot;:&quot;https:\\\/\\\/www.garciafaura.com\\\/wp-content\\\/uploads\\\/2018\\\/11\\\/Tanatori-Vilafranca-50.jpg&quot;,&quot;title&quot;:&quot;Cerramientos y trabajos en hierro del nuevo tanatorio de la capital del Alt Pened\\u00e8s&quot;},{&quot;src&quot;:&quot;https:\\\/\\\/www.garciafaura.com\\\/wp-content\\\/uploads\\\/2018\\\/11\\\/Tanatori-Vilafranca-49.jpg&quot;,&quot;title&quot;:&quot;Cerramientos y trabajos en hierro del nuevo tanatorio de la capital del Alt Pened\\u00e8s&quot;},{&quot;src&quot;:&quot;https:\\\/\\\/www.garciafaura.com\\\/wp-content\\\/uploads\\\/2018\\\/11\\\/Tanatori-Vilafranca-48.jpg&quot;,&quot;title&quot;:&quot;Cerramientos y trabajos en hierro del nuevo tanatorio de la capital del Alt Pened\\u00e8s&quot;},{&quot;src&quot;:&quot;https:\\\/\\\/www.garciafaura.com\\\/wp-content\\\/uploads\\\/2018\\\/11\\\/Tanatori-Vilafranca-47.jpg&quot;,&quot;title&quot;:&quot;Cerramientos y trabajos en hierro del nuevo tanatorio de la capital del Alt Pened\\u00e8s&quot;},{&quot;src&quot;:&quot;https:\\\/\\\/www.garciafaura.com\\\/wp-content\\\/uploads\\\/2018\\\/11\\\/Tanatori-Vilafranca-46.jpg&quot;,&quot;title&quot;:&quot;Cerramientos y trabajos en hierro del nuevo tanatorio de la capital del Alt Pened\\u00e8s&quot;},{&quot;src&quot;:&quot;https:\\\/\\\/www.garciafaura.com\\\/wp-content\\\/uploads\\\/2018\\\/11\\\/Tanatori-Vilafranca-45.jpg&quot;,&quot;title&quot;:&quot;Cerramientos y trabajos en hierro del nuevo tanatorio de la capital del Alt Pened\\u00e8s&quot;},{&quot;src&quot;:&quot;https:\\\/\\\/www.garciafaura.com\\\/wp-content\\\/uploads\\\/2018\\\/11\\\/Tanatori-Vilafranca-44.jpg&quot;,&quot;title&quot;:&quot;Cerramientos y trabajos en hierro del nuevo tanatorio de la capital del Alt Pened\\u00e8s&quot;},{&quot;src&quot;:&quot;https:\\\/\\\/www.garciafaura.com\\\/wp-content\\\/uploads\\\/2018\\\/11\\\/Tanatori-Vilafranca-43.jpg&quot;,&quot;title&quot;:&quot;Cerramientos y trabajos en hierro del nuevo tanatorio de la capital del Alt Pened\\u00e8s&quot;},{&quot;src&quot;:&quot;https:\\\/\\\/www.garciafaura.com\\\/wp-content\\\/uploads\\\/2018\\\/11\\\/Tanatori-Vilafranca-42.jpg&quot;,&quot;title&quot;:&quot;Cerramientos y trabajos en hierro del nuevo tanatorio de la capital del Alt Pened\\u00e8s&quot;},{&quot;src&quot;:&quot;https:\\\/\\\/www.garciafaura.com\\\/wp-content\\\/uploads\\\/2018\\\/11\\\/Tanatori-Vilafranca-41.jpg&quot;,&quot;title&quot;:&quot;Cerramientos y trabajos en hierro del nuevo tanatorio de la capital del Alt Pened\\u00e8s&quot;},{&quot;src&quot;:&quot;https:\\\/\\\/www.garciafaura.com\\\/wp-content\\\/uploads\\\/2018\\\/11\\\/Tanatori-Vilafranca-40.jpg&quot;,&quot;title&quot;:&quot;Cerramientos y trabajos en hierro del nuevo tanatorio de la capital del Alt Pened\\u00e8s&quot;},{&quot;src&quot;:&quot;https:\\\/\\\/www.garciafaura.com\\\/wp-content\\\/uploads\\\/2018\\\/11\\\/Tanatori-Vilafranca-39.jpg&quot;,&quot;title&quot;:&quot;Cerramientos y trabajos en hierro del nuevo tanatorio de la capital del Alt Pened\\u00e8s&quot;},{&quot;src&quot;:&quot;https:\\\/\\\/www.garciafaura.com\\\/wp-content\\\/uploads\\\/2018\\\/11\\\/Tanatori-Vilafranca-38.jpg&quot;,&quot;title&quot;:&quot;Cerramientos y trabajos en hierro del nuevo tanatorio de la capital del Alt Pened\\u00e8s&quot;},{&quot;src&quot;:&quot;https:\\\/\\\/www.garciafaura.com\\\/wp-content\\\/uploads\\\/2018\\\/11\\\/Tanatori-Vilafranca-37.jpg&quot;,&quot;title&quot;:&quot;Cerramientos y trabajos en hierro del nuevo tanatorio de la capital del Alt Pened\\u00e8s&quot;},{&quot;src&quot;:&quot;https:\\\/\\\/www.garciafaura.com\\\/wp-content\\\/uploads\\\/2018\\\/11\\\/Tanatori-Vilafranca-36.jpg&quot;,&quot;title&quot;:&quot;Cerramientos y trabajos en hierro del nuevo tanatorio de la capital del Alt Pened\\u00e8s&quot;},{&quot;src&quot;:&quot;https:\\\/\\\/www.garciafaura.com\\\/wp-content\\\/uploads\\\/2018\\\/11\\\/Tanatori-Vilafranca-35.jpg&quot;,&quot;title&quot;:&quot;Cerramientos y trabajos en hierro del nuevo tanatorio de la capital del Alt Pened\\u00e8s&quot;},{&quot;src&quot;:&quot;https:\\\/\\\/www.garciafaura.com\\\/wp-content\\\/uploads\\\/2018\\\/11\\\/Tanatori-Vilafranca-34.jpg&quot;,&quot;title&quot;:&quot;Cerramientos y trabajos en hierro del nuevo tanatorio de la capital del Alt Pened\\u00e8s&quot;},{&quot;src&quot;:&quot;https:\\\/\\\/www.garciafaura.com\\\/wp-content\\\/uploads\\\/2018\\\/11\\\/Tanatori-Vilafranca-33.jpg&quot;,&quot;title&quot;:&quot;Cerramientos y trabajos en hierro del nuevo tanatorio de la capital del Alt Pened\\u00e8s&quot;},{&quot;src&quot;:&quot;https:\\\/\\\/www.garciafaura.com\\\/wp-content\\\/uploads\\\/2018\\\/11\\\/Tanatori-Vilafranca-32.jpg&quot;,&quot;title&quot;:&quot;Cerramientos y trabajos en hierro del nuevo tanatorio de la capital del Alt Pened\\u00e8s&quot;},{&quot;src&quot;:&quot;https:\\\/\\\/www.garciafaura.com\\\/wp-content\\\/uploads\\\/2018\\\/11\\\/Tanatori-Vilafranca-31.jpg&quot;,&quot;title&quot;:&quot;Cerramientos y trabajos en hierro del nuevo tanatorio de la capital del Alt Pened\\u00e8s&quot;},{&quot;src&quot;:&quot;https:\\\/\\\/www.garciafaura.com\\\/wp-content\\\/uploads\\\/2018\\\/11\\\/Tanatori-Vilafranca-30.jpg&quot;,&quot;title&quot;:&quot;Cerramientos y trabajos en hierro del nuevo tanatorio de la capital del Alt Pened\\u00e8s&quot;},{&quot;src&quot;:&quot;https:\\\/\\\/www.garciafaura.com\\\/wp-content\\\/uploads\\\/2018\\\/11\\\/Tanatori-Vilafranca-29.jpg&quot;,&quot;title&quot;:&quot;Cerramientos y trabajos en hierro del nuevo tanatorio de la capital del Alt Pened\\u00e8s&quot;},{&quot;src&quot;:&quot;https:\\\/\\\/www.garciafaura.com\\\/wp-content\\\/uploads\\\/2018\\\/11\\\/Tanatori-Vilafranca-28.jpg&quot;,&quot;title&quot;:&quot;Cerramientos y trabajos en hierro del nuevo tanatorio de la capital del Alt Pened\\u00e8s&quot;},{&quot;src&quot;:&quot;https:\\\/\\\/www.garciafaura.com\\\/wp-content\\\/uploads\\\/2018\\\/11\\\/Tanatori-Vilafranca-27.jpg&quot;,&quot;title&quot;:&quot;Cerramientos y trabajos en hierro del nuevo tanatorio de la capital del Alt Pened\\u00e8s&quot;},{&quot;src&quot;:&quot;https:\\\/\\\/www.garciafaura.com\\\/wp-content\\\/uploads\\\/2018\\\/11\\\/Tanatori-Vilafranca-26.jpg&quot;,&quot;title&quot;:&quot;Cerramientos y trabajos en hierro del nuevo tanatorio de la capital del Alt Pened\\u00e8s&quot;},{&quot;src&quot;:&quot;https:\\\/\\\/www.garciafaura.com\\\/wp-content\\\/uploads\\\/2018\\\/11\\\/Tanatori-Vilafranca-25.jpg&quot;,&quot;title&quot;:&quot;Cerramientos y trabajos en hierro del nuevo tanatorio de la capital del Alt Pened\\u00e8s&quot;},{&quot;src&quot;:&quot;https:\\\/\\\/www.garciafaura.com\\\/wp-content\\\/uploads\\\/2018\\\/11\\\/Tanatori-Vilafranca-24.jpg&quot;,&quot;title&quot;:&quot;Cerramientos y trabajos en hierro del nuevo tanatorio de la capital del Alt Pened\\u00e8s&quot;},{&quot;src&quot;:&quot;https:\\\/\\\/www.garciafaura.com\\\/wp-content\\\/uploads\\\/2018\\\/11\\\/Tanatori-Vilafranca-23.jpg&quot;,&quot;title&quot;:&quot;Cerramientos y trabajos en hierro del nuevo tanatorio de la capital del Alt Pened\\u00e8s&quot;},{&quot;src&quot;:&quot;https:\\\/\\\/www.garciafaura.com\\\/wp-content\\\/uploads\\\/2018\\\/11\\\/Tanatori-Vilafranca-22.jpg&quot;,&quot;title&quot;:&quot;Cerramientos y trabajos en hierro del nuevo tanatorio de la capital del Alt Pened\\u00e8s&quot;},{&quot;src&quot;:&quot;https:\\\/\\\/www.garciafaura.com\\\/wp-content\\\/uploads\\\/2018\\\/11\\\/Tanatori-Vilafranca-21.jpg&quot;,&quot;title&quot;:&quot;Cerramientos y trabajos en hierro del nuevo tanatorio de la capital del Alt Pened\\u00e8s&quot;},{&quot;src&quot;:&quot;https:\\\/\\\/www.garciafaura.com\\\/wp-content\\\/uploads\\\/2018\\\/11\\\/Tanatori-Vilafranca-20.jpg&quot;,&quot;title&quot;:&quot;Cerramientos y trabajos en hierro del nuevo tanatorio de la capital del Alt Pened\\u00e8s&quot;},{&quot;src&quot;:&quot;https:\\\/\\\/www.garciafaura.com\\\/wp-content\\\/uploads\\\/2018\\\/11\\\/Tanatori-Vilafranca-19.jpg&quot;,&quot;title&quot;:&quot;Cerramientos y trabajos en hierro del nuevo tanatorio de la capital del Alt Pened\\u00e8s&quot;},{&quot;src&quot;:&quot;https:\\\/\\\/www.garciafaura.com\\\/wp-content\\\/uploads\\\/2018\\\/11\\\/Tanatori-Vilafranca-18.jpg&quot;,&quot;title&quot;:&quot;Cerramientos y trabajos en hierro del nuevo tanatorio de la capital del Alt Pened\\u00e8s&quot;},{&quot;src&quot;:&quot;https:\\\/\\\/www.garciafaura.com\\\/wp-content\\\/uploads\\\/2018\\\/11\\\/Tanatori-Vilafranca-17.jpg&quot;,&quot;title&quot;:&quot;Cerramientos y trabajos en hierro del nuevo tanatorio de la capital del Alt Pened\\u00e8s&quot;},{&quot;src&quot;:&quot;https:\\\/\\\/www.garciafaura.com\\\/wp-content\\\/uploads\\\/2018\\\/11\\\/Tanatori-Vilafranca-16.jpg&quot;,&quot;title&quot;:&quot;Cerramientos y trabajos en hierro del nuevo tanatorio de la capital del Alt Pened\\u00e8s&quot;},{&quot;src&quot;:&quot;https:\\\/\\\/www.garciafaura.com\\\/wp-content\\\/uploads\\\/2018\\\/11\\\/Tanatori-Vilafranca-15.jpg&quot;,&quot;title&quot;:&quot;Cerramientos y trabajos en hierro del nuevo tanatorio de la capital del Alt Pened\\u00e8s&quot;},{&quot;src&quot;:&quot;https:\\\/\\\/www.garciafaura.com\\\/wp-content\\\/uploads\\\/2018\\\/11\\\/Tanatori-Vilafranca-14.jpg&quot;,&quot;title&quot;:&quot;Cerramientos y trabajos en hierro del nuevo tanatorio de la capital del Alt Pened\\u00e8s&quot;},{&quot;src&quot;:&quot;https:\\\/\\\/www.garciafaura.com\\\/wp-content\\\/uploads\\\/2018\\\/11\\\/Tanatori-Vilafranca-13.jpg&quot;,&quot;title&quot;:&quot;Cerramientos y trabajos en hierro del nuevo tanatorio de la capital del Alt Pened\\u00e8s&quot;},{&quot;src&quot;:&quot;https:\\\/\\\/www.garciafaura.com\\\/wp-content\\\/uploads\\\/2018\\\/11\\\/Tanatori-Vilafranca-12.jpg&quot;,&quot;title&quot;:&quot;Cerramientos y trabajos en hierro del nuevo tanatorio de la capital del Alt Pened\\u00e8s&quot;},{&quot;src&quot;:&quot;https:\\\/\\\/www.garciafaura.com\\\/wp-content\\\/uploads\\\/2018\\\/11\\\/Tanatori-Vilafranca-11.jpg&quot;,&quot;title&quot;:&quot;Cerramientos y trabajos en hierro del nuevo tanatorio de la capital del Alt Pened\\u00e8s&quot;},{&quot;src&quot;:&quot;https:\\\/\\\/www.garciafaura.com\\\/wp-content\\\/uploads\\\/2018\\\/11\\\/Tanatori-Vilafranca-10.jpg&quot;,&quot;title&quot;:&quot;Cerramientos y trabajos en hierro del nuevo tanatorio de la capital del Alt Pened\\u00e8s&quot;},{&quot;src&quot;:&quot;https:\\\/\\\/www.garciafaura.com\\\/wp-content\\\/uploads\\\/2018\\\/11\\\/Tanatori-Vilafranca-09.jpg&quot;,&quot;title&quot;:&quot;Cerramientos y trabajos en hierro del nuevo tanatorio de la capital del Alt Pened\\u00e8s&quot;},{&quot;src&quot;:&quot;https:\\\/\\\/www.garciafaura.com\\\/wp-content\\\/uploads\\\/2018\\\/11\\\/Tanatori-Vilafranca-08.jpg&quot;,&quot;title&quot;:&quot;Cerramientos y trabajos en hierro del nuevo tanatorio de la capital del Alt Pened\\u00e8s&quot;},{&quot;src&quot;:&quot;https:\\\/\\\/www.garciafaura.com\\\/wp-content\\\/uploads\\\/2018\\\/11\\\/Tanatori-Vilafranca-07.jpg&quot;,&quot;title&quot;:&quot;Cerramientos y trabajos en hierro del nuevo tanatorio de la capital del Alt Pened\\u00e8s&quot;},{&quot;src&quot;:&quot;https:\\\/\\\/www.garciafaura.com\\\/wp-content\\\/uploads\\\/2018\\\/11\\\/Tanatori-Vilafranca-06.jpg&quot;,&quot;title&quot;:&quot;Cerramientos y trabajos en hierro del nuevo tanatorio de la capital del Alt Pened\\u00e8s&quot;},{&quot;src&quot;:&quot;https:\\\/\\\/www.garciafaura.com\\\/wp-content\\\/uploads\\\/2018\\\/11\\\/Tanatori-Vilafranca-04.jpg&quot;,&quot;title&quot;:&quot;Cerramientos y trabajos en hierro del nuevo tanatorio de la capital del Alt Pened\\u00e8s&quot;},{&quot;src&quot;:&quot;https:\\\/\\\/www.garciafaura.com\\\/wp-content\\\/uploads\\\/2018\\\/11\\\/Tanatori-Vilafranca-05.jpg&quot;,&quot;title&quot;:&quot;Cerramientos y trabajos en hierro del nuevo tanatorio de la capital del Alt Pened\\u00e8s&quot;},{&quot;src&quot;:&quot;https:\\\/\\\/www.garciafaura.com\\\/wp-content\\\/uploads\\\/2018\\\/11\\\/Tanatori-Vilafranca-03.jpg&quot;,&quot;title&quot;:&quot;Cerramientos y trabajos en hierro del nuevo tanatorio de la capital del Alt Pened\\u00e8s&quot;},{&quot;src&quot;:&quot;https:\\\/\\\/www.garciafaura.com\\\/wp-content\\\/uploads\\\/2018\\\/11\\\/Tanatori-Vilafranca-02.jpg&quot;,&quot;title&quot;:&quot;Cerramientos y trabajos en hierro del nuevo tanatorio de la capital del Alt Pened\\u00e8s&quot;}]\"><img decoding=\"async\" data-no-lazy=\"1\" class=\"portfolio-entry-img skip-lazy\" src=\"https:\/\/www.garciafaura.com\/wp-content\/uploads\/2018\/11\/Tanatori-Vilafranca-02-x.jpg\" alt=\"Cerramientos Y Trabajos En Hierro Del Nuevo Tanatorio De La Capital Del Alt Pened\u00e8s\" data-no-retina \/><\/a><\/div><div class=\"portfolio-entry-details entry-details wpex-clr\"><h2 class=\"portfolio-entry-title entry-title\"><a href=\"https:\/\/www.garciafaura.com\/es\/portfolio-item\/tanatorio-de-vilafranca-del-penedes\/\" title=\"Tanatorio de Vilafranca del Pened\u00e8s\">Tanatorio de Vilafranca del Pened\u00e8s<\/a><\/h2><div class=\"portfolio-entry-categories entry-categories wpex-clr\"><a href=\"https:\/\/www.garciafaura.com\/es\/portfolio-category\/edificios-de-servicios\/\" class=\"term-49\">Edificios de Servicios<\/a><\/div><\/div><\/div><\/div><div class=\"portfolio-entry vcex-grid-item entry-has-details span_1_of_3 col col-2 vcex-isotope-entry vcex-no-margin-entry post-18137 entry type-portfolio has-media cat-49 cat-58 translation_priority-6\"><div class=\"portfolio-entry-inner entry-inner wpex-clr\"><div class=\"portfolio-entry-media entry-media wpex-clr\"><a href=\"https:\/\/www.garciafaura.com\/wp-content\/uploads\/2018\/11\/Estacio\u0301-trens-Gava\u0300-01.jpg\" title=\"Estaci\u00f3n de Gav\u00e0\" class=\"portfolio-entry-media-link wpex-lightbox-gallery\" data-gallery=\"[{&quot;src&quot;:&quot;https:\\\/\\\/www.garciafaura.com\\\/wp-content\\\/uploads\\\/2018\\\/11\\\/Estacio\\u0301-trens-Gava\\u0300-01.jpg&quot;,&quot;title&quot;:&quot;Rehabilitaci\\u00f3n del edificio hist\\u00f3rico y cerramientos del nuevo m\\u00f3dulo de servicios de la estaci\\u00f3n&quot;},{&quot;src&quot;:&quot;https:\\\/\\\/www.garciafaura.com\\\/wp-content\\\/uploads\\\/2018\\\/11\\\/Estacio\\u0301-trens-Gava\\u0300-13.jpg&quot;,&quot;title&quot;:&quot;Rehabilitaci\\u00f3n del edificio hist\\u00f3rico y cerramientos del nuevo m\\u00f3dulo de servicios de la estaci\\u00f3n&quot;},{&quot;src&quot;:&quot;https:\\\/\\\/www.garciafaura.com\\\/wp-content\\\/uploads\\\/2018\\\/11\\\/Estacio\\u0301-trens-Gava\\u0300-11.jpg&quot;,&quot;title&quot;:&quot;Rehabilitaci\\u00f3n del edificio hist\\u00f3rico y cerramientos del nuevo m\\u00f3dulo de servicios de la estaci\\u00f3n&quot;},{&quot;src&quot;:&quot;https:\\\/\\\/www.garciafaura.com\\\/wp-content\\\/uploads\\\/2018\\\/11\\\/Estacio\\u0301-trens-Gava\\u0300-10.jpg&quot;,&quot;title&quot;:&quot;Rehabilitaci\\u00f3n del edificio hist\\u00f3rico y cerramientos del nuevo m\\u00f3dulo de servicios de la estaci\\u00f3n&quot;},{&quot;src&quot;:&quot;https:\\\/\\\/www.garciafaura.com\\\/wp-content\\\/uploads\\\/2018\\\/11\\\/Estacio\\u0301-trens-Gava\\u0300-09.jpg&quot;,&quot;title&quot;:&quot;Rehabilitaci\\u00f3n del edificio hist\\u00f3rico y cerramientos del nuevo m\\u00f3dulo de servicios de la estaci\\u00f3n&quot;},{&quot;src&quot;:&quot;https:\\\/\\\/www.garciafaura.com\\\/wp-content\\\/uploads\\\/2018\\\/11\\\/Estacio\\u0301-trens-Gava\\u0300-08.jpg&quot;,&quot;title&quot;:&quot;Rehabilitaci\\u00f3n del edificio hist\\u00f3rico y cerramientos del nuevo m\\u00f3dulo de servicios de la estaci\\u00f3n&quot;},{&quot;src&quot;:&quot;https:\\\/\\\/www.garciafaura.com\\\/wp-content\\\/uploads\\\/2018\\\/11\\\/Estacio\\u0301-trens-Gava\\u0300-07.jpg&quot;,&quot;title&quot;:&quot;Rehabilitaci\\u00f3n del edificio hist\\u00f3rico y cerramientos del nuevo m\\u00f3dulo de servicios de la estaci\\u00f3n&quot;},{&quot;src&quot;:&quot;https:\\\/\\\/www.garciafaura.com\\\/wp-content\\\/uploads\\\/2018\\\/11\\\/Estacio\\u0301-trens-Gava\\u0300-06.jpg&quot;,&quot;title&quot;:&quot;Rehabilitaci\\u00f3n del edificio hist\\u00f3rico y cerramientos del nuevo m\\u00f3dulo de servicios de la estaci\\u00f3n&quot;},{&quot;src&quot;:&quot;https:\\\/\\\/www.garciafaura.com\\\/wp-content\\\/uploads\\\/2018\\\/11\\\/Estacio\\u0301-trens-Gava\\u0300-05.jpg&quot;,&quot;title&quot;:&quot;Rehabilitaci\\u00f3n del edificio hist\\u00f3rico y cerramientos del nuevo m\\u00f3dulo de servicios de la estaci\\u00f3n&quot;},{&quot;src&quot;:&quot;https:\\\/\\\/www.garciafaura.com\\\/wp-content\\\/uploads\\\/2018\\\/11\\\/Estacio\\u0301-trens-Gava\\u0300-04.jpg&quot;,&quot;title&quot;:&quot;Rehabilitaci\\u00f3n del edificio hist\\u00f3rico y cerramientos del nuevo m\\u00f3dulo de servicios de la estaci\\u00f3n&quot;},{&quot;src&quot;:&quot;https:\\\/\\\/www.garciafaura.com\\\/wp-content\\\/uploads\\\/2018\\\/11\\\/Estacio\\u0301-trens-Gava\\u0300-03.jpg&quot;,&quot;title&quot;:&quot;Rehabilitaci\\u00f3n del edificio hist\\u00f3rico y cerramientos del nuevo m\\u00f3dulo de servicios de la estaci\\u00f3n&quot;},{&quot;src&quot;:&quot;https:\\\/\\\/www.garciafaura.com\\\/wp-content\\\/uploads\\\/2018\\\/11\\\/Estacio\\u0301-trens-Gava\\u0300-02.jpg&quot;,&quot;title&quot;:&quot;Rehabilitaci\\u00f3n del edificio hist\\u00f3rico y cerramientos del nuevo m\\u00f3dulo de servicios de la estaci\\u00f3n&quot;}]\"><img decoding=\"async\" data-no-lazy=\"1\" class=\"portfolio-entry-img skip-lazy\" src=\"https:\/\/www.garciafaura.com\/wp-content\/uploads\/2018\/11\/Estacio\u0301-trens-Gava\u0300-01-x.jpg\" alt=\"Rehabilitaci\u00f3n Del Edificio Hist\u00f3rico Y Cerramientos Del Nuevo M\u00f3dulo De Servicios De La Estaci\u00f3n\" data-no-retina \/><\/a><\/div><div class=\"portfolio-entry-details entry-details wpex-clr\"><h2 class=\"portfolio-entry-title entry-title\"><a href=\"https:\/\/www.garciafaura.com\/es\/portfolio-item\/estacion-de-gava\/\" title=\"Estaci\u00f3n de Gav\u00e0\">Estaci\u00f3n de Gav\u00e0<\/a><\/h2><div class=\"portfolio-entry-categories entry-categories wpex-clr\"><a href=\"https:\/\/www.garciafaura.com\/es\/portfolio-category\/edificios-de-servicios\/\" class=\"term-49\">Edificios de Servicios<\/a><\/div><\/div><\/div><\/div><div class=\"portfolio-entry vcex-grid-item entry-has-details span_1_of_3 col col-3 vcex-isotope-entry vcex-no-margin-entry post-18134 entry type-portfolio has-media cat-49 cat-58 translation_priority-6\"><div class=\"portfolio-entry-inner entry-inner wpex-clr\"><div class=\"portfolio-entry-media entry-media wpex-clr\"><a href=\"https:\/\/www.garciafaura.com\/wp-content\/uploads\/2018\/11\/Centre-Recursos-Fami\u0301lies-Gava\u0300-10.jpg\" title=\"Centro de Recursos para Familias\" class=\"portfolio-entry-media-link wpex-lightbox-gallery\" data-gallery=\"[{&quot;src&quot;:&quot;https:\\\/\\\/www.garciafaura.com\\\/wp-content\\\/uploads\\\/2018\\\/11\\\/Centre-Recursos-Fami\\u0301lies-Gava\\u0300-01.jpg&quot;,&quot;title&quot;:&quot;Cerramientos y revestimiento de fachada de este equipamiento municipal de Gav\\u00e0&quot;},{&quot;src&quot;:&quot;https:\\\/\\\/www.garciafaura.com\\\/wp-content\\\/uploads\\\/2018\\\/11\\\/Centre-Recursos-Fami\\u0301lies-Gava\\u0300-12.jpg&quot;,&quot;title&quot;:&quot;Cerramientos y revestimiento de fachada de este equipamiento municipal de Gav\\u00e0&quot;},{&quot;src&quot;:&quot;https:\\\/\\\/www.garciafaura.com\\\/wp-content\\\/uploads\\\/2018\\\/11\\\/Centre-Recursos-Fami\\u0301lies-Gava\\u0300-11.jpg&quot;,&quot;title&quot;:&quot;Cerramientos y revestimiento de fachada de este equipamiento municipal de Gav\\u00e0&quot;},{&quot;src&quot;:&quot;https:\\\/\\\/www.garciafaura.com\\\/wp-content\\\/uploads\\\/2018\\\/11\\\/Centre-Recursos-Fami\\u0301lies-Gava\\u0300-10.jpg&quot;,&quot;title&quot;:&quot;Cerramientos y revestimiento de fachada de este equipamiento municipal de Gav\\u00e0&quot;},{&quot;src&quot;:&quot;https:\\\/\\\/www.garciafaura.com\\\/wp-content\\\/uploads\\\/2018\\\/11\\\/Centre-Recursos-Fami\\u0301lies-Gava\\u0300-09.jpg&quot;,&quot;title&quot;:&quot;Cerramientos y revestimiento de fachada de este equipamiento municipal de Gav\\u00e0&quot;},{&quot;src&quot;:&quot;https:\\\/\\\/www.garciafaura.com\\\/wp-content\\\/uploads\\\/2018\\\/11\\\/Centre-Recursos-Fami\\u0301lies-Gava\\u0300-08.jpg&quot;,&quot;title&quot;:&quot;Cerramientos y revestimiento de fachada de este equipamiento municipal de Gav\\u00e0&quot;},{&quot;src&quot;:&quot;https:\\\/\\\/www.garciafaura.com\\\/wp-content\\\/uploads\\\/2018\\\/11\\\/Centre-Recursos-Fami\\u0301lies-Gava\\u0300-07.jpg&quot;,&quot;title&quot;:&quot;Cerramientos y revestimiento de fachada de este equipamiento municipal de Gav\\u00e0&quot;},{&quot;src&quot;:&quot;https:\\\/\\\/www.garciafaura.com\\\/wp-content\\\/uploads\\\/2018\\\/11\\\/Centre-Recursos-Fami\\u0301lies-Gava\\u0300-06.jpg&quot;,&quot;title&quot;:&quot;Cerramientos y revestimiento de fachada de este equipamiento municipal de Gav\\u00e0&quot;},{&quot;src&quot;:&quot;https:\\\/\\\/www.garciafaura.com\\\/wp-content\\\/uploads\\\/2018\\\/11\\\/Centre-Recursos-Fami\\u0301lies-Gava\\u0300-05.jpg&quot;,&quot;title&quot;:&quot;Cerramientos y revestimiento de fachada de este equipamiento municipal de Gav\\u00e0&quot;},{&quot;src&quot;:&quot;https:\\\/\\\/www.garciafaura.com\\\/wp-content\\\/uploads\\\/2018\\\/11\\\/Centre-Recursos-Fami\\u0301lies-Gava\\u0300-04.jpg&quot;,&quot;title&quot;:&quot;Cerramientos y revestimiento de fachada de este equipamiento municipal de Gav\\u00e0&quot;},{&quot;src&quot;:&quot;https:\\\/\\\/www.garciafaura.com\\\/wp-content\\\/uploads\\\/2018\\\/11\\\/Centre-Recursos-Fami\\u0301lies-Gava\\u0300-03.jpg&quot;,&quot;title&quot;:&quot;Cerramientos y revestimiento de fachada de este equipamiento municipal de Gav\\u00e0&quot;},{&quot;src&quot;:&quot;https:\\\/\\\/www.garciafaura.com\\\/wp-content\\\/uploads\\\/2018\\\/11\\\/Centre-Recursos-Fami\\u0301lies-Gava\\u0300-02.jpg&quot;,&quot;title&quot;:&quot;Cerramientos y revestimiento de fachada de este equipamiento municipal de Gav\\u00e0&quot;},{&quot;src&quot;:&quot;https:\\\/\\\/www.garciafaura.com\\\/wp-content\\\/uploads\\\/2018\\\/11\\\/Centre-Recursos-Fami\\u0301lies-Gava\\u0300-41.jpg&quot;,&quot;title&quot;:&quot;Cerramientos y revestimiento de fachada de este equipamiento municipal de Gav\\u00e0&quot;},{&quot;src&quot;:&quot;https:\\\/\\\/www.garciafaura.com\\\/wp-content\\\/uploads\\\/2018\\\/11\\\/Centre-Recursos-Fami\\u0301lies-Gava\\u0300-40.jpg&quot;,&quot;title&quot;:&quot;Cerramientos y revestimiento de fachada de este equipamiento municipal de Gav\\u00e0&quot;},{&quot;src&quot;:&quot;https:\\\/\\\/www.garciafaura.com\\\/wp-content\\\/uploads\\\/2018\\\/11\\\/Centre-Recursos-Fami\\u0301lies-Gava\\u0300-39.jpg&quot;,&quot;title&quot;:&quot;Cerramientos y revestimiento de fachada de este equipamiento municipal de Gav\\u00e0&quot;},{&quot;src&quot;:&quot;https:\\\/\\\/www.garciafaura.com\\\/wp-content\\\/uploads\\\/2018\\\/11\\\/Centre-Recursos-Fami\\u0301lies-Gava\\u0300-38.jpg&quot;,&quot;title&quot;:&quot;Cerramientos y revestimiento de fachada de este equipamiento municipal de Gav\\u00e0&quot;},{&quot;src&quot;:&quot;https:\\\/\\\/www.garciafaura.com\\\/wp-content\\\/uploads\\\/2018\\\/11\\\/Centre-Recursos-Fami\\u0301lies-Gava\\u0300-37.jpg&quot;,&quot;title&quot;:&quot;Cerramientos y revestimiento de fachada de este equipamiento municipal de Gav\\u00e0&quot;},{&quot;src&quot;:&quot;https:\\\/\\\/www.garciafaura.com\\\/wp-content\\\/uploads\\\/2018\\\/11\\\/Centre-Recursos-Fami\\u0301lies-Gava\\u0300-36.jpg&quot;,&quot;title&quot;:&quot;Cerramientos y revestimiento de fachada de este equipamiento municipal de Gav\\u00e0&quot;},{&quot;src&quot;:&quot;https:\\\/\\\/www.garciafaura.com\\\/wp-content\\\/uploads\\\/2018\\\/11\\\/Centre-Recursos-Fami\\u0301lies-Gava\\u0300-35.jpg&quot;,&quot;title&quot;:&quot;Cerramientos y revestimiento de fachada de este equipamiento municipal de Gav\\u00e0&quot;},{&quot;src&quot;:&quot;https:\\\/\\\/www.garciafaura.com\\\/wp-content\\\/uploads\\\/2018\\\/11\\\/Centre-Recursos-Fami\\u0301lies-Gava\\u0300-34.jpg&quot;,&quot;title&quot;:&quot;Cerramientos y revestimiento de fachada de este equipamiento municipal de Gav\\u00e0&quot;},{&quot;src&quot;:&quot;https:\\\/\\\/www.garciafaura.com\\\/wp-content\\\/uploads\\\/2018\\\/11\\\/Centre-Recursos-Fami\\u0301lies-Gava\\u0300-33.jpg&quot;,&quot;title&quot;:&quot;Cerramientos y revestimiento de fachada de este equipamiento municipal de Gav\\u00e0&quot;},{&quot;src&quot;:&quot;https:\\\/\\\/www.garciafaura.com\\\/wp-content\\\/uploads\\\/2018\\\/11\\\/Centre-Recursos-Fami\\u0301lies-Gava\\u0300-32.jpg&quot;,&quot;title&quot;:&quot;Cerramientos y revestimiento de fachada de este equipamiento municipal de Gav\\u00e0&quot;},{&quot;src&quot;:&quot;https:\\\/\\\/www.garciafaura.com\\\/wp-content\\\/uploads\\\/2018\\\/11\\\/Centre-Recursos-Fami\\u0301lies-Gava\\u0300-31.jpg&quot;,&quot;title&quot;:&quot;Cerramientos y revestimiento de fachada de este equipamiento municipal de Gav\\u00e0&quot;},{&quot;src&quot;:&quot;https:\\\/\\\/www.garciafaura.com\\\/wp-content\\\/uploads\\\/2018\\\/11\\\/Centre-Recursos-Fami\\u0301lies-Gava\\u0300-30.jpg&quot;,&quot;title&quot;:&quot;Cerramientos y revestimiento de fachada de este equipamiento municipal de Gav\\u00e0&quot;},{&quot;src&quot;:&quot;https:\\\/\\\/www.garciafaura.com\\\/wp-content\\\/uploads\\\/2018\\\/11\\\/Centre-Recursos-Fami\\u0301lies-Gava\\u0300-29.jpg&quot;,&quot;title&quot;:&quot;Cerramientos y revestimiento de fachada de este equipamiento municipal de Gav\\u00e0&quot;},{&quot;src&quot;:&quot;https:\\\/\\\/www.garciafaura.com\\\/wp-content\\\/uploads\\\/2018\\\/11\\\/Centre-Recursos-Fami\\u0301lies-Gava\\u0300-28.jpg&quot;,&quot;title&quot;:&quot;Cerramientos y revestimiento de fachada de este equipamiento municipal de Gav\\u00e0&quot;},{&quot;src&quot;:&quot;https:\\\/\\\/www.garciafaura.com\\\/wp-content\\\/uploads\\\/2018\\\/11\\\/Centre-Recursos-Fami\\u0301lies-Gava\\u0300-27.jpg&quot;,&quot;title&quot;:&quot;Cerramientos y revestimiento de fachada de este equipamiento municipal de Gav\\u00e0&quot;},{&quot;src&quot;:&quot;https:\\\/\\\/www.garciafaura.com\\\/wp-content\\\/uploads\\\/2018\\\/11\\\/Centre-Recursos-Fami\\u0301lies-Gava\\u0300-26.jpg&quot;,&quot;title&quot;:&quot;Cerramientos y revestimiento de fachada de este equipamiento municipal de Gav\\u00e0&quot;},{&quot;src&quot;:&quot;https:\\\/\\\/www.garciafaura.com\\\/wp-content\\\/uploads\\\/2018\\\/11\\\/Centre-Recursos-Fami\\u0301lies-Gava\\u0300-25.jpg&quot;,&quot;title&quot;:&quot;Cerramientos y revestimiento de fachada de este equipamiento municipal de Gav\\u00e0&quot;},{&quot;src&quot;:&quot;https:\\\/\\\/www.garciafaura.com\\\/wp-content\\\/uploads\\\/2018\\\/11\\\/Centre-Recursos-Fami\\u0301lies-Gava\\u0300-24.jpg&quot;,&quot;title&quot;:&quot;Cerramientos y revestimiento de fachada de este equipamiento municipal de Gav\\u00e0&quot;},{&quot;src&quot;:&quot;https:\\\/\\\/www.garciafaura.com\\\/wp-content\\\/uploads\\\/2018\\\/11\\\/Centre-Recursos-Fami\\u0301lies-Gava\\u0300-23.jpg&quot;,&quot;title&quot;:&quot;Cerramientos y revestimiento de fachada de este equipamiento municipal de Gav\\u00e0&quot;},{&quot;src&quot;:&quot;https:\\\/\\\/www.garciafaura.com\\\/wp-content\\\/uploads\\\/2018\\\/11\\\/Centre-Recursos-Fami\\u0301lies-Gava\\u0300-22.jpg&quot;,&quot;title&quot;:&quot;Cerramientos y revestimiento de fachada de este equipamiento municipal de Gav\\u00e0&quot;},{&quot;src&quot;:&quot;https:\\\/\\\/www.garciafaura.com\\\/wp-content\\\/uploads\\\/2018\\\/11\\\/Centre-Recursos-Fami\\u0301lies-Gava\\u0300-21.jpg&quot;,&quot;title&quot;:&quot;Cerramientos y revestimiento de fachada de este equipamiento municipal de Gav\\u00e0&quot;},{&quot;src&quot;:&quot;https:\\\/\\\/www.garciafaura.com\\\/wp-content\\\/uploads\\\/2018\\\/11\\\/Centre-Recursos-Fami\\u0301lies-Gava\\u0300-20.jpg&quot;,&quot;title&quot;:&quot;Cerramientos y revestimiento de fachada de este equipamiento municipal de Gav\\u00e0&quot;},{&quot;src&quot;:&quot;https:\\\/\\\/www.garciafaura.com\\\/wp-content\\\/uploads\\\/2018\\\/11\\\/Centre-Recursos-Fami\\u0301lies-Gava\\u0300-19.jpg&quot;,&quot;title&quot;:&quot;Cerramientos y revestimiento de fachada de este equipamiento municipal de Gav\\u00e0&quot;},{&quot;src&quot;:&quot;https:\\\/\\\/www.garciafaura.com\\\/wp-content\\\/uploads\\\/2018\\\/11\\\/Centre-Recursos-Fami\\u0301lies-Gava\\u0300-18.jpg&quot;,&quot;title&quot;:&quot;Cerramientos y revestimiento de fachada de este equipamiento municipal de Gav\\u00e0&quot;},{&quot;src&quot;:&quot;https:\\\/\\\/www.garciafaura.com\\\/wp-content\\\/uploads\\\/2018\\\/11\\\/Centre-Recursos-Fami\\u0301lies-Gava\\u0300-17.jpg&quot;,&quot;title&quot;:&quot;Cerramientos y revestimiento de fachada de este equipamiento municipal de Gav\\u00e0&quot;},{&quot;src&quot;:&quot;https:\\\/\\\/www.garciafaura.com\\\/wp-content\\\/uploads\\\/2018\\\/11\\\/Centre-Recursos-Fami\\u0301lies-Gava\\u0300-16.jpg&quot;,&quot;title&quot;:&quot;Cerramientos y revestimiento de fachada de este equipamiento municipal de Gav\\u00e0&quot;},{&quot;src&quot;:&quot;https:\\\/\\\/www.garciafaura.com\\\/wp-content\\\/uploads\\\/2018\\\/11\\\/Centre-Recursos-Fami\\u0301lies-Gava\\u0300-15.jpg&quot;,&quot;title&quot;:&quot;Cerramientos y revestimiento de fachada de este equipamiento municipal de Gav\\u00e0&quot;},{&quot;src&quot;:&quot;https:\\\/\\\/www.garciafaura.com\\\/wp-content\\\/uploads\\\/2018\\\/11\\\/Centre-Recursos-Fami\\u0301lies-Gava\\u0300-14.jpg&quot;,&quot;title&quot;:&quot;Cerramientos y revestimiento de fachada de este equipamiento municipal de Gav\\u00e0&quot;},{&quot;src&quot;:&quot;https:\\\/\\\/www.garciafaura.com\\\/wp-content\\\/uploads\\\/2018\\\/11\\\/Centre-Recursos-Fami\\u0301lies-Gava\\u0300-13.jpg&quot;,&quot;title&quot;:&quot;Cerramientos y revestimiento de fachada de este equipamiento municipal de Gav\\u00e0&quot;}]\"><img decoding=\"async\" data-no-lazy=\"1\" class=\"portfolio-entry-img skip-lazy\" src=\"https:\/\/www.garciafaura.com\/wp-content\/uploads\/2018\/11\/Centre-Recursos-Fami\u0301lies-Gava\u0300-10-x.jpg\" alt=\"Cerramientos Y Revestimiento De Fachada De Este Equipamiento Municipal De Gav\u00e0\" data-no-retina \/><\/a><\/div><div class=\"portfolio-entry-details entry-details wpex-clr\"><h2 class=\"portfolio-entry-title entry-title\"><a href=\"https:\/\/www.garciafaura.com\/es\/portfolio-item\/centro-de-recursos-para-familias\/\" title=\"Centro de Recursos para Familias\">Centro de Recursos para Familias<\/a><\/h2><div class=\"portfolio-entry-categories entry-categories wpex-clr\"><a href=\"https:\/\/www.garciafaura.com\/es\/portfolio-category\/edificios-de-servicios\/\" class=\"term-49\">Edificios de Servicios<\/a><\/div><\/div><\/div><\/div><div class=\"portfolio-entry vcex-grid-item entry-has-details span_1_of_3 col col-1 vcex-isotope-entry vcex-no-margin-entry post-18119 entry type-portfolio has-media cat-49 cat-51 translation_priority-6\"><div class=\"portfolio-entry-inner entry-inner wpex-clr\"><div class=\"portfolio-entry-media entry-media wpex-clr\"><a href=\"https:\/\/www.garciafaura.com\/wp-content\/uploads\/2018\/11\/Audie\u0300ncia-Provincial-Saragossa-02.jpg\" title=\"Audiencia Provincial de Zaragoza\" class=\"portfolio-entry-media-link wpex-lightbox-gallery\" data-gallery=\"[{&quot;src&quot;:&quot;https:\\\/\\\/www.garciafaura.com\\\/wp-content\\\/uploads\\\/2018\\\/11\\\/Audie\\u0300ncia-Provincial-Saragossa-01.jpg&quot;,&quot;title&quot;:&quot;1.155 m2 de cerramientos y muro cortina en Zaragoza&quot;},{&quot;src&quot;:&quot;https:\\\/\\\/www.garciafaura.com\\\/wp-content\\\/uploads\\\/2018\\\/11\\\/Audie\\u0300ncia-Provincial-Saragossa-07.jpg&quot;,&quot;title&quot;:&quot;1.155 m2 de cerramientos y muro cortina en Zaragoza&quot;},{&quot;src&quot;:&quot;https:\\\/\\\/www.garciafaura.com\\\/wp-content\\\/uploads\\\/2018\\\/11\\\/Audie\\u0300ncia-Provincial-Saragossa-06.jpg&quot;,&quot;title&quot;:&quot;1.155 m2 de cerramientos y muro cortina en Zaragoza&quot;},{&quot;src&quot;:&quot;https:\\\/\\\/www.garciafaura.com\\\/wp-content\\\/uploads\\\/2018\\\/11\\\/Audie\\u0300ncia-Provincial-Saragossa-05.jpg&quot;,&quot;title&quot;:&quot;1.155 m2 de cerramientos y muro cortina en Zaragoza&quot;},{&quot;src&quot;:&quot;https:\\\/\\\/www.garciafaura.com\\\/wp-content\\\/uploads\\\/2018\\\/11\\\/Audie\\u0300ncia-Provincial-Saragossa-04.jpg&quot;,&quot;title&quot;:&quot;1.155 m2 de cerramientos y muro cortina en Zaragoza&quot;},{&quot;src&quot;:&quot;https:\\\/\\\/www.garciafaura.com\\\/wp-content\\\/uploads\\\/2018\\\/11\\\/Audie\\u0300ncia-Provincial-Saragossa-03.jpg&quot;,&quot;title&quot;:&quot;1.155 m2 de cerramientos y muro cortina en Zaragoza&quot;},{&quot;src&quot;:&quot;https:\\\/\\\/www.garciafaura.com\\\/wp-content\\\/uploads\\\/2018\\\/11\\\/Audie\\u0300ncia-Provincial-Saragossa-02.jpg&quot;,&quot;title&quot;:&quot;1.155 m2 de cerramientos y muro cortina en Zaragoza&quot;}]\"><img loading=\"lazy\" decoding=\"async\" data-no-lazy=\"1\" class=\"portfolio-entry-img skip-lazy\" src=\"https:\/\/www.garciafaura.com\/wp-content\/uploads\/2018\/11\/Audie\u0300ncia-Provincial-Saragossa-02.jpg\" alt=\"1.155 M2 De Cerramientos Y Muro Cortina En Zaragoza\" data-no-retina width=\"553\" height=\"289\" \/><\/a><\/div><div class=\"portfolio-entry-details entry-details wpex-clr\"><h2 class=\"portfolio-entry-title entry-title\"><a href=\"https:\/\/www.garciafaura.com\/es\/portfolio-item\/audiencia-provincial-de-zaragoza\/\" title=\"Audiencia Provincial de Zaragoza\">Audiencia Provincial de Zaragoza<\/a><\/h2><div class=\"portfolio-entry-categories entry-categories wpex-clr\"><a href=\"https:\/\/www.garciafaura.com\/es\/portfolio-category\/edificios-de-servicios\/\" class=\"term-49\">Edificios de Servicios<\/a><\/div><\/div><\/div><\/div><div class=\"portfolio-entry vcex-grid-item entry-has-details span_1_of_3 col col-2 vcex-isotope-entry vcex-no-margin-entry post-18101 entry type-portfolio has-media cat-49 cat-50 cat-51 translation_priority-6\"><div class=\"portfolio-entry-inner entry-inner wpex-clr\"><div class=\"portfolio-entry-media entry-media wpex-clr\"><a href=\"https:\/\/www.garciafaura.com\/wp-content\/uploads\/2018\/11\/Terminal-Grimaldi-19.jpg\" title=\"Terminal Grimaldi\" class=\"portfolio-entry-media-link wpex-lightbox-gallery\" data-gallery=\"[{&quot;src&quot;:&quot;https:\\\/\\\/www.garciafaura.com\\\/wp-content\\\/uploads\\\/2018\\\/11\\\/Terminal-Grimaldi-01.jpg&quot;,&quot;title&quot;:&quot;Nueva terminal de la compa\\u00f1\\u00eda Grimaldi en el Puerto de Barcelona&quot;},{&quot;src&quot;:&quot;https:\\\/\\\/www.garciafaura.com\\\/wp-content\\\/uploads\\\/2018\\\/11\\\/Terminal-Grimaldi-19.jpg&quot;,&quot;title&quot;:&quot;Nueva terminal de la compa\\u00f1\\u00eda Grimaldi en el Puerto de Barcelona&quot;},{&quot;src&quot;:&quot;https:\\\/\\\/www.garciafaura.com\\\/wp-content\\\/uploads\\\/2018\\\/11\\\/Terminal-Grimaldi-18.jpg&quot;,&quot;title&quot;:&quot;Nueva terminal de la compa\\u00f1\\u00eda Grimaldi en el Puerto de Barcelona&quot;},{&quot;src&quot;:&quot;https:\\\/\\\/www.garciafaura.com\\\/wp-content\\\/uploads\\\/2018\\\/11\\\/Terminal-Grimaldi-17.jpg&quot;,&quot;title&quot;:&quot;Nueva terminal de la compa\\u00f1\\u00eda Grimaldi en el Puerto de Barcelona&quot;},{&quot;src&quot;:&quot;https:\\\/\\\/www.garciafaura.com\\\/wp-content\\\/uploads\\\/2018\\\/11\\\/Terminal-Grimaldi-16.jpg&quot;,&quot;title&quot;:&quot;Nueva terminal de la compa\\u00f1\\u00eda Grimaldi en el Puerto de Barcelona&quot;},{&quot;src&quot;:&quot;https:\\\/\\\/www.garciafaura.com\\\/wp-content\\\/uploads\\\/2018\\\/11\\\/Terminal-Grimaldi-15.jpg&quot;,&quot;title&quot;:&quot;Nueva terminal de la compa\\u00f1\\u00eda Grimaldi en el Puerto de Barcelona&quot;},{&quot;src&quot;:&quot;https:\\\/\\\/www.garciafaura.com\\\/wp-content\\\/uploads\\\/2018\\\/11\\\/Terminal-Grimaldi-14.jpg&quot;,&quot;title&quot;:&quot;Nueva terminal de la compa\\u00f1\\u00eda Grimaldi en el Puerto de Barcelona&quot;},{&quot;src&quot;:&quot;https:\\\/\\\/www.garciafaura.com\\\/wp-content\\\/uploads\\\/2018\\\/11\\\/Terminal-Grimaldi-13.jpg&quot;,&quot;title&quot;:&quot;Nueva terminal de la compa\\u00f1\\u00eda Grimaldi en el Puerto de Barcelona&quot;},{&quot;src&quot;:&quot;https:\\\/\\\/www.garciafaura.com\\\/wp-content\\\/uploads\\\/2018\\\/11\\\/Terminal-Grimaldi-12.jpg&quot;,&quot;title&quot;:&quot;Nueva terminal de la compa\\u00f1\\u00eda Grimaldi en el Puerto de Barcelona&quot;},{&quot;src&quot;:&quot;https:\\\/\\\/www.garciafaura.com\\\/wp-content\\\/uploads\\\/2018\\\/11\\\/Terminal-Grimaldi-11.jpg&quot;,&quot;title&quot;:&quot;Nueva terminal de la compa\\u00f1\\u00eda Grimaldi en el Puerto de Barcelona&quot;},{&quot;src&quot;:&quot;https:\\\/\\\/www.garciafaura.com\\\/wp-content\\\/uploads\\\/2018\\\/11\\\/Terminal-Grimaldi-10.jpg&quot;,&quot;title&quot;:&quot;Nueva terminal de la compa\\u00f1\\u00eda Grimaldi en el Puerto de Barcelona&quot;},{&quot;src&quot;:&quot;https:\\\/\\\/www.garciafaura.com\\\/wp-content\\\/uploads\\\/2018\\\/11\\\/Terminal-Grimaldi-09.jpg&quot;,&quot;title&quot;:&quot;Nueva terminal de la compa\\u00f1\\u00eda Grimaldi en el Puerto de Barcelona&quot;},{&quot;src&quot;:&quot;https:\\\/\\\/www.garciafaura.com\\\/wp-content\\\/uploads\\\/2018\\\/11\\\/Terminal-Grimaldi-08.jpg&quot;,&quot;title&quot;:&quot;Nueva terminal de la compa\\u00f1\\u00eda Grimaldi en el Puerto de Barcelona&quot;},{&quot;src&quot;:&quot;https:\\\/\\\/www.garciafaura.com\\\/wp-content\\\/uploads\\\/2018\\\/11\\\/Terminal-Grimaldi-07.jpg&quot;,&quot;title&quot;:&quot;Nueva terminal de la compa\\u00f1\\u00eda Grimaldi en el Puerto de Barcelona&quot;},{&quot;src&quot;:&quot;https:\\\/\\\/www.garciafaura.com\\\/wp-content\\\/uploads\\\/2018\\\/11\\\/Terminal-Grimaldi-06.jpg&quot;,&quot;title&quot;:&quot;Nueva terminal de la compa\\u00f1\\u00eda Grimaldi en el Puerto de Barcelona&quot;},{&quot;src&quot;:&quot;https:\\\/\\\/www.garciafaura.com\\\/wp-content\\\/uploads\\\/2018\\\/11\\\/Terminal-Grimaldi-05.jpg&quot;,&quot;title&quot;:&quot;Nueva terminal de la compa\\u00f1\\u00eda Grimaldi en el Puerto de Barcelona&quot;},{&quot;src&quot;:&quot;https:\\\/\\\/www.garciafaura.com\\\/wp-content\\\/uploads\\\/2018\\\/11\\\/Terminal-Grimaldi-04.jpg&quot;,&quot;title&quot;:&quot;Nueva terminal de la compa\\u00f1\\u00eda Grimaldi en el Puerto de Barcelona&quot;},{&quot;src&quot;:&quot;https:\\\/\\\/www.garciafaura.com\\\/wp-content\\\/uploads\\\/2018\\\/11\\\/Terminal-Grimaldi-03.jpg&quot;,&quot;title&quot;:&quot;Nueva terminal de la compa\\u00f1\\u00eda Grimaldi en el Puerto de Barcelona&quot;},{&quot;src&quot;:&quot;https:\\\/\\\/www.garciafaura.com\\\/wp-content\\\/uploads\\\/2018\\\/11\\\/Terminal-Grimaldi-02.jpg&quot;,&quot;title&quot;:&quot;Nueva terminal de la compa\\u00f1\\u00eda Grimaldi en el Puerto de Barcelona&quot;}]\"><img loading=\"lazy\" decoding=\"async\" data-no-lazy=\"1\" class=\"portfolio-entry-img skip-lazy\" src=\"https:\/\/www.garciafaura.com\/wp-content\/uploads\/2018\/11\/Terminal-Grimaldi-19-600x314.jpg\" alt=\"Nueva Terminal De La Compa\u00f1\u00eda Grimaldi En El Puerto De Barcelona\" data-no-retina width=\"600\" height=\"314\" \/><\/a><\/div><div class=\"portfolio-entry-details entry-details wpex-clr\"><h2 class=\"portfolio-entry-title entry-title\"><a href=\"https:\/\/www.garciafaura.com\/es\/portfolio-item\/terminal-grimaldi\/\" title=\"Terminal Grimaldi\">Terminal Grimaldi<\/a><\/h2><div class=\"portfolio-entry-categories entry-categories wpex-clr\"><a href=\"https:\/\/www.garciafaura.com\/es\/portfolio-category\/edificios-de-servicios\/\" class=\"term-49\">Edificios de Servicios<\/a><\/div><\/div><\/div><\/div><div class=\"portfolio-entry vcex-grid-item entry-has-details span_1_of_3 col col-3 vcex-isotope-entry vcex-no-margin-entry post-18098 entry type-portfolio has-media cat-49 translation_priority-6\"><div class=\"portfolio-entry-inner entry-inner wpex-clr\"><div class=\"portfolio-entry-media entry-media wpex-clr\"><a href=\"https:\/\/www.garciafaura.com\/wp-content\/uploads\/2018\/11\/Edifici-serveis-Sagrada-Fami\u0301lia-19.jpg\" title=\"Edificio de servicios de la Sagrada Familia\" class=\"portfolio-entry-media-link wpex-lightbox-gallery\" data-gallery=\"[{&quot;src&quot;:&quot;https:\\\/\\\/www.garciafaura.com\\\/wp-content\\\/uploads\\\/2018\\\/11\\\/Edifici-serveis-Sagrada-Fami\\u0301lia-01.jpg&quot;,&quot;title&quot;:&quot;Fabricaci\\u00f3n e instalaci\\u00f3n de cerramientos, muro cortina y revestimientos de fachada&quot;},{&quot;src&quot;:&quot;https:\\\/\\\/www.garciafaura.com\\\/wp-content\\\/uploads\\\/2018\\\/11\\\/Edifici-serveis-Sagrada-Fami\\u0301lia-19.jpg&quot;,&quot;title&quot;:&quot;Fabricaci\\u00f3n e instalaci\\u00f3n de cerramientos, muro cortina y revestimientos de fachada&quot;},{&quot;src&quot;:&quot;https:\\\/\\\/www.garciafaura.com\\\/wp-content\\\/uploads\\\/2018\\\/11\\\/Edifici-serveis-Sagrada-Fami\\u0301lia-18.jpg&quot;,&quot;title&quot;:&quot;Fabricaci\\u00f3n e instalaci\\u00f3n de cerramientos, muro cortina y revestimientos de fachada&quot;},{&quot;src&quot;:&quot;https:\\\/\\\/www.garciafaura.com\\\/wp-content\\\/uploads\\\/2018\\\/11\\\/Edifici-serveis-Sagrada-Fami\\u0301lia-17.jpg&quot;,&quot;title&quot;:&quot;Fabricaci\\u00f3n e instalaci\\u00f3n de cerramientos, muro cortina y revestimientos de fachada&quot;},{&quot;src&quot;:&quot;https:\\\/\\\/www.garciafaura.com\\\/wp-content\\\/uploads\\\/2018\\\/11\\\/Edifici-serveis-Sagrada-Fami\\u0301lia-16.jpg&quot;,&quot;title&quot;:&quot;Fabricaci\\u00f3n e instalaci\\u00f3n de cerramientos, muro cortina y revestimientos de fachada&quot;},{&quot;src&quot;:&quot;https:\\\/\\\/www.garciafaura.com\\\/wp-content\\\/uploads\\\/2018\\\/11\\\/Edifici-serveis-Sagrada-Fami\\u0301lia-15.jpg&quot;,&quot;title&quot;:&quot;Fabricaci\\u00f3n e instalaci\\u00f3n de cerramientos, muro cortina y revestimientos de fachada&quot;},{&quot;src&quot;:&quot;https:\\\/\\\/www.garciafaura.com\\\/wp-content\\\/uploads\\\/2018\\\/11\\\/Edifici-serveis-Sagrada-Fami\\u0301lia-14.jpg&quot;,&quot;title&quot;:&quot;Fabricaci\\u00f3n e instalaci\\u00f3n de cerramientos, muro cortina y revestimientos de fachada&quot;},{&quot;src&quot;:&quot;https:\\\/\\\/www.garciafaura.com\\\/wp-content\\\/uploads\\\/2018\\\/11\\\/Edifici-serveis-Sagrada-Fami\\u0301lia-13.jpg&quot;,&quot;title&quot;:&quot;Fabricaci\\u00f3n e instalaci\\u00f3n de cerramientos, muro cortina y revestimientos de fachada&quot;},{&quot;src&quot;:&quot;https:\\\/\\\/www.garciafaura.com\\\/wp-content\\\/uploads\\\/2018\\\/11\\\/Edifici-serveis-Sagrada-Fami\\u0301lia-12.jpg&quot;,&quot;title&quot;:&quot;Fabricaci\\u00f3n e instalaci\\u00f3n de cerramientos, muro cortina y revestimientos de fachada&quot;},{&quot;src&quot;:&quot;https:\\\/\\\/www.garciafaura.com\\\/wp-content\\\/uploads\\\/2018\\\/11\\\/Edifici-serveis-Sagrada-Fami\\u0301lia-11.jpg&quot;,&quot;title&quot;:&quot;Fabricaci\\u00f3n e instalaci\\u00f3n de cerramientos, muro cortina y revestimientos de fachada&quot;},{&quot;src&quot;:&quot;https:\\\/\\\/www.garciafaura.com\\\/wp-content\\\/uploads\\\/2018\\\/11\\\/Edifici-serveis-Sagrada-Fami\\u0301lia-10.jpg&quot;,&quot;title&quot;:&quot;Fabricaci\\u00f3n e instalaci\\u00f3n de cerramientos, muro cortina y revestimientos de fachada&quot;},{&quot;src&quot;:&quot;https:\\\/\\\/www.garciafaura.com\\\/wp-content\\\/uploads\\\/2018\\\/11\\\/Edifici-serveis-Sagrada-Fami\\u0301lia-09.jpg&quot;,&quot;title&quot;:&quot;Fabricaci\\u00f3n e instalaci\\u00f3n de cerramientos, muro cortina y revestimientos de fachada&quot;},{&quot;src&quot;:&quot;https:\\\/\\\/www.garciafaura.com\\\/wp-content\\\/uploads\\\/2018\\\/11\\\/Edifici-serveis-Sagrada-Fami\\u0301lia-08.jpg&quot;,&quot;title&quot;:&quot;Fabricaci\\u00f3n e instalaci\\u00f3n de cerramientos, muro cortina y revestimientos de fachada&quot;},{&quot;src&quot;:&quot;https:\\\/\\\/www.garciafaura.com\\\/wp-content\\\/uploads\\\/2018\\\/11\\\/Edifici-serveis-Sagrada-Fami\\u0301lia-07.jpg&quot;,&quot;title&quot;:&quot;Fabricaci\\u00f3n e instalaci\\u00f3n de cerramientos, muro cortina y revestimientos de fachada&quot;},{&quot;src&quot;:&quot;https:\\\/\\\/www.garciafaura.com\\\/wp-content\\\/uploads\\\/2018\\\/11\\\/Edifici-serveis-Sagrada-Fami\\u0301lia-06.jpg&quot;,&quot;title&quot;:&quot;Fabricaci\\u00f3n e instalaci\\u00f3n de cerramientos, muro cortina y revestimientos de fachada&quot;},{&quot;src&quot;:&quot;https:\\\/\\\/www.garciafaura.com\\\/wp-content\\\/uploads\\\/2018\\\/11\\\/Edifici-serveis-Sagrada-Fami\\u0301lia-05.jpg&quot;,&quot;title&quot;:&quot;Fabricaci\\u00f3n e instalaci\\u00f3n de cerramientos, muro cortina y revestimientos de fachada&quot;},{&quot;src&quot;:&quot;https:\\\/\\\/www.garciafaura.com\\\/wp-content\\\/uploads\\\/2018\\\/11\\\/Edifici-serveis-Sagrada-Fami\\u0301lia-04.jpg&quot;,&quot;title&quot;:&quot;Fabricaci\\u00f3n e instalaci\\u00f3n de cerramientos, muro cortina y revestimientos de fachada&quot;},{&quot;src&quot;:&quot;https:\\\/\\\/www.garciafaura.com\\\/wp-content\\\/uploads\\\/2018\\\/11\\\/Edifici-serveis-Sagrada-Fami\\u0301lia-03.jpg&quot;,&quot;title&quot;:&quot;Fabricaci\\u00f3n e instalaci\\u00f3n de cerramientos, muro cortina y revestimientos de fachada&quot;},{&quot;src&quot;:&quot;https:\\\/\\\/www.garciafaura.com\\\/wp-content\\\/uploads\\\/2018\\\/11\\\/Edifici-serveis-Sagrada-Fami\\u0301lia-02.jpg&quot;,&quot;title&quot;:&quot;Fabricaci\\u00f3n e instalaci\\u00f3n de cerramientos, muro cortina y revestimientos de fachada&quot;}]\"><img loading=\"lazy\" decoding=\"async\" data-no-lazy=\"1\" class=\"portfolio-entry-img skip-lazy\" src=\"https:\/\/www.garciafaura.com\/wp-content\/uploads\/2018\/11\/Edifici-serveis-Sagrada-Fami\u0301lia-19-600x314.jpg\" alt=\"Fabricaci\u00f3n E Instalaci\u00f3n De Cerramientos, Muro Cortina Y Revestimientos De Fachada\" data-no-retina width=\"600\" height=\"314\" \/><\/a><\/div><div class=\"portfolio-entry-details entry-details wpex-clr\"><h2 class=\"portfolio-entry-title entry-title\"><a href=\"https:\/\/www.garciafaura.com\/es\/portfolio-item\/edificio-de-servicios-de-la-sagrada-familia\/\" title=\"Edificio de servicios de la Sagrada Familia\">Edificio de servicios de la Sagrada Familia<\/a><\/h2><div class=\"portfolio-entry-categories entry-categories wpex-clr\"><a href=\"https:\/\/www.garciafaura.com\/es\/portfolio-category\/edificios-de-servicios\/\" class=\"term-49\">Edificios de Servicios<\/a><\/div><\/div><\/div><\/div><div class=\"portfolio-entry vcex-grid-item entry-has-details span_1_of_3 col col-1 vcex-isotope-entry vcex-no-margin-entry post-18089 entry type-portfolio has-media cat-49 translation_priority-6\"><div class=\"portfolio-entry-inner entry-inner wpex-clr\"><div class=\"portfolio-entry-media entry-media wpex-clr\"><a href=\"https:\/\/www.garciafaura.com\/wp-content\/uploads\/2018\/11\/Escola-Internacional-del-Camp-18.jpg\" title=\"Escuela Internacional del Camp\" class=\"portfolio-entry-media-link wpex-lightbox-gallery\" data-gallery=\"[{&quot;src&quot;:&quot;https:\\\/\\\/www.garciafaura.com\\\/wp-content\\\/uploads\\\/2018\\\/11\\\/Escola-Internacional-del-Camp-01.jpg&quot;,&quot;title&quot;:&quot;Trabajos de vidrio y cerramientos en este nuevo centro formativo de Salou&quot;},{&quot;src&quot;:&quot;https:\\\/\\\/www.garciafaura.com\\\/wp-content\\\/uploads\\\/2018\\\/11\\\/Escola-Internacional-del-Camp-17.jpg&quot;,&quot;title&quot;:&quot;Trabajos de vidrio y cerramientos en este nuevo centro formativo de Salou&quot;},{&quot;src&quot;:&quot;https:\\\/\\\/www.garciafaura.com\\\/wp-content\\\/uploads\\\/2018\\\/11\\\/Escola-Internacional-del-Camp-16.jpg&quot;,&quot;title&quot;:&quot;Trabajos de vidrio y cerramientos en este nuevo centro formativo de Salou&quot;},{&quot;src&quot;:&quot;https:\\\/\\\/www.garciafaura.com\\\/wp-content\\\/uploads\\\/2018\\\/11\\\/Escola-Internacional-del-Camp-15.jpg&quot;,&quot;title&quot;:&quot;Trabajos de vidrio y cerramientos en este nuevo centro formativo de Salou&quot;},{&quot;src&quot;:&quot;https:\\\/\\\/www.garciafaura.com\\\/wp-content\\\/uploads\\\/2018\\\/11\\\/Escola-Internacional-del-Camp-14.jpg&quot;,&quot;title&quot;:&quot;Trabajos de vidrio y cerramientos en este nuevo centro formativo de Salou&quot;},{&quot;src&quot;:&quot;https:\\\/\\\/www.garciafaura.com\\\/wp-content\\\/uploads\\\/2018\\\/11\\\/Escola-Internacional-del-Camp-13.jpg&quot;,&quot;title&quot;:&quot;Trabajos de vidrio y cerramientos en este nuevo centro formativo de Salou&quot;},{&quot;src&quot;:&quot;https:\\\/\\\/www.garciafaura.com\\\/wp-content\\\/uploads\\\/2018\\\/11\\\/Escola-Internacional-del-Camp-12.jpg&quot;,&quot;title&quot;:&quot;Trabajos de vidrio y cerramientos en este nuevo centro formativo de Salou&quot;},{&quot;src&quot;:&quot;https:\\\/\\\/www.garciafaura.com\\\/wp-content\\\/uploads\\\/2018\\\/11\\\/Escola-Internacional-del-Camp-11.jpg&quot;,&quot;title&quot;:&quot;Trabajos de vidrio y cerramientos en este nuevo centro formativo de Salou&quot;},{&quot;src&quot;:&quot;https:\\\/\\\/www.garciafaura.com\\\/wp-content\\\/uploads\\\/2018\\\/11\\\/Escola-Internacional-del-Camp-10.jpg&quot;,&quot;title&quot;:&quot;Trabajos de vidrio y cerramientos en este nuevo centro formativo de Salou&quot;},{&quot;src&quot;:&quot;https:\\\/\\\/www.garciafaura.com\\\/wp-content\\\/uploads\\\/2018\\\/11\\\/Escola-Internacional-del-Camp-09.jpg&quot;,&quot;title&quot;:&quot;Trabajos de vidrio y cerramientos en este nuevo centro formativo de Salou&quot;},{&quot;src&quot;:&quot;https:\\\/\\\/www.garciafaura.com\\\/wp-content\\\/uploads\\\/2018\\\/11\\\/Escola-Internacional-del-Camp-08.jpg&quot;,&quot;title&quot;:&quot;Trabajos de vidrio y cerramientos en este nuevo centro formativo de Salou&quot;},{&quot;src&quot;:&quot;https:\\\/\\\/www.garciafaura.com\\\/wp-content\\\/uploads\\\/2018\\\/11\\\/Escola-Internacional-del-Camp-07.jpg&quot;,&quot;title&quot;:&quot;Trabajos de vidrio y cerramientos en este nuevo centro formativo de Salou&quot;},{&quot;src&quot;:&quot;https:\\\/\\\/www.garciafaura.com\\\/wp-content\\\/uploads\\\/2018\\\/11\\\/Escola-Internacional-del-Camp-06.jpg&quot;,&quot;title&quot;:&quot;Trabajos de vidrio y cerramientos en este nuevo centro formativo de Salou&quot;},{&quot;src&quot;:&quot;https:\\\/\\\/www.garciafaura.com\\\/wp-content\\\/uploads\\\/2018\\\/11\\\/Escola-Internacional-del-Camp-05.jpg&quot;,&quot;title&quot;:&quot;Trabajos de vidrio y cerramientos en este nuevo centro formativo de Salou&quot;},{&quot;src&quot;:&quot;https:\\\/\\\/www.garciafaura.com\\\/wp-content\\\/uploads\\\/2018\\\/11\\\/Escola-Internacional-del-Camp-04.jpg&quot;,&quot;title&quot;:&quot;Trabajos de vidrio y cerramientos en este nuevo centro formativo de Salou&quot;},{&quot;src&quot;:&quot;https:\\\/\\\/www.garciafaura.com\\\/wp-content\\\/uploads\\\/2018\\\/11\\\/Escola-Internacional-del-Camp-03.jpg&quot;,&quot;title&quot;:&quot;Trabajos de vidrio y cerramientos en este nuevo centro formativo de Salou&quot;},{&quot;src&quot;:&quot;https:\\\/\\\/www.garciafaura.com\\\/wp-content\\\/uploads\\\/2018\\\/11\\\/Escola-Internacional-del-Camp-02.jpg&quot;,&quot;title&quot;:&quot;Trabajos de vidrio y cerramientos en este nuevo centro formativo de Salou&quot;}]\"><img loading=\"lazy\" decoding=\"async\" data-no-lazy=\"1\" class=\"portfolio-entry-img skip-lazy\" src=\"https:\/\/www.garciafaura.com\/wp-content\/uploads\/2018\/11\/Escola-Internacional-del-Camp-18-600x314.jpg\" alt=\"Trabajos De Vidrio Y Cerramientos En Este Nuevo Centro Formativo De Salou\" data-no-retina width=\"600\" height=\"314\" \/><\/a><\/div><div class=\"portfolio-entry-details entry-details wpex-clr\"><h2 class=\"portfolio-entry-title entry-title\"><a href=\"https:\/\/www.garciafaura.com\/es\/portfolio-item\/escuela-internacional-del-camp\/\" title=\"Escuela Internacional del Camp\">Escuela Internacional del Camp<\/a><\/h2><div class=\"portfolio-entry-categories entry-categories wpex-clr\"><a href=\"https:\/\/www.garciafaura.com\/es\/portfolio-category\/edificios-de-servicios\/\" class=\"term-49\">Edificios de Servicios<\/a><\/div><\/div><\/div><\/div><div class=\"portfolio-entry vcex-grid-item entry-has-details span_1_of_3 col col-2 vcex-isotope-entry vcex-no-margin-entry post-18086 entry type-portfolio has-media cat-49 translation_priority-6\"><div class=\"portfolio-entry-inner entry-inner wpex-clr\"><div class=\"portfolio-entry-media entry-media wpex-clr\"><a href=\"https:\/\/www.garciafaura.com\/wp-content\/uploads\/2018\/11\/Cli\u0301nica-Universita\u0300ria-FUB-Manresa-01.jpg\" title=\"Cl\u00ednica Universitaria FUB Manresa\" class=\"portfolio-entry-media-link wpex-lightbox-gallery\" data-gallery=\"[{&quot;src&quot;:&quot;https:\\\/\\\/www.garciafaura.com\\\/wp-content\\\/uploads\\\/2018\\\/11\\\/Cli\\u0301nica-Universita\\u0300ria-FUB-Manresa-01.jpg&quot;,&quot;title&quot;:&quot;Fabricaci\\u00f3n e instalaci\\u00f3n de los cerramientos del nuevo edificio docente de la Fundaci\\u00f3n&quot;},{&quot;src&quot;:&quot;https:\\\/\\\/www.garciafaura.com\\\/wp-content\\\/uploads\\\/2018\\\/11\\\/Cli\\u0301nica-Universita\\u0300ria-FUB-Manresa-15.jpg&quot;,&quot;title&quot;:&quot;Fabricaci\\u00f3n e instalaci\\u00f3n de los cerramientos del nuevo edificio docente de la Fundaci\\u00f3n&quot;},{&quot;src&quot;:&quot;https:\\\/\\\/www.garciafaura.com\\\/wp-content\\\/uploads\\\/2018\\\/11\\\/Cli\\u0301nica-Universita\\u0300ria-FUB-Manresa-14.jpg&quot;,&quot;title&quot;:&quot;Fabricaci\\u00f3n e instalaci\\u00f3n de los cerramientos del nuevo edificio docente de la Fundaci\\u00f3n&quot;},{&quot;src&quot;:&quot;https:\\\/\\\/www.garciafaura.com\\\/wp-content\\\/uploads\\\/2018\\\/11\\\/Cli\\u0301nica-Universita\\u0300ria-FUB-Manresa-13.jpg&quot;,&quot;title&quot;:&quot;Fabricaci\\u00f3n e instalaci\\u00f3n de los cerramientos del nuevo edificio docente de la Fundaci\\u00f3n&quot;},{&quot;src&quot;:&quot;https:\\\/\\\/www.garciafaura.com\\\/wp-content\\\/uploads\\\/2018\\\/11\\\/Cli\\u0301nica-Universita\\u0300ria-FUB-Manresa-12.jpg&quot;,&quot;title&quot;:&quot;Fabricaci\\u00f3n e instalaci\\u00f3n de los cerramientos del nuevo edificio docente de la Fundaci\\u00f3n&quot;},{&quot;src&quot;:&quot;https:\\\/\\\/www.garciafaura.com\\\/wp-content\\\/uploads\\\/2018\\\/11\\\/Cli\\u0301nica-Universita\\u0300ria-FUB-Manresa-11.jpg&quot;,&quot;title&quot;:&quot;Fabricaci\\u00f3n e instalaci\\u00f3n de los cerramientos del nuevo edificio docente de la Fundaci\\u00f3n&quot;},{&quot;src&quot;:&quot;https:\\\/\\\/www.garciafaura.com\\\/wp-content\\\/uploads\\\/2018\\\/11\\\/Cli\\u0301nica-Universita\\u0300ria-FUB-Manresa-10.jpg&quot;,&quot;title&quot;:&quot;Fabricaci\\u00f3n e instalaci\\u00f3n de los cerramientos del nuevo edificio docente de la Fundaci\\u00f3n&quot;},{&quot;src&quot;:&quot;https:\\\/\\\/www.garciafaura.com\\\/wp-content\\\/uploads\\\/2018\\\/11\\\/Cli\\u0301nica-Universita\\u0300ria-FUB-Manresa-09.jpg&quot;,&quot;title&quot;:&quot;Fabricaci\\u00f3n e instalaci\\u00f3n de los cerramientos del nuevo edificio docente de la Fundaci\\u00f3n&quot;},{&quot;src&quot;:&quot;https:\\\/\\\/www.garciafaura.com\\\/wp-content\\\/uploads\\\/2018\\\/11\\\/Cli\\u0301nica-Universita\\u0300ria-FUB-Manresa-08.jpg&quot;,&quot;title&quot;:&quot;Fabricaci\\u00f3n e instalaci\\u00f3n de los cerramientos del nuevo edificio docente de la Fundaci\\u00f3n&quot;},{&quot;src&quot;:&quot;https:\\\/\\\/www.garciafaura.com\\\/wp-content\\\/uploads\\\/2018\\\/11\\\/Cli\\u0301nica-Universita\\u0300ria-FUB-Manresa-07.jpg&quot;,&quot;title&quot;:&quot;Fabricaci\\u00f3n e instalaci\\u00f3n de los cerramientos del nuevo edificio docente de la Fundaci\\u00f3n&quot;},{&quot;src&quot;:&quot;https:\\\/\\\/www.garciafaura.com\\\/wp-content\\\/uploads\\\/2018\\\/11\\\/Cli\\u0301nica-Universita\\u0300ria-FUB-Manresa-06.jpg&quot;,&quot;title&quot;:&quot;Fabricaci\\u00f3n e instalaci\\u00f3n de los cerramientos del nuevo edificio docente de la Fundaci\\u00f3n&quot;},{&quot;src&quot;:&quot;https:\\\/\\\/www.garciafaura.com\\\/wp-content\\\/uploads\\\/2018\\\/11\\\/Cli\\u0301nica-Universita\\u0300ria-FUB-Manresa-05.jpg&quot;,&quot;title&quot;:&quot;Fabricaci\\u00f3n e instalaci\\u00f3n de los cerramientos del nuevo edificio docente de la Fundaci\\u00f3n&quot;},{&quot;src&quot;:&quot;https:\\\/\\\/www.garciafaura.com\\\/wp-content\\\/uploads\\\/2018\\\/11\\\/Cli\\u0301nica-Universita\\u0300ria-FUB-Manresa-04.jpg&quot;,&quot;title&quot;:&quot;Fabricaci\\u00f3n e instalaci\\u00f3n de los cerramientos del nuevo edificio docente de la Fundaci\\u00f3n&quot;},{&quot;src&quot;:&quot;https:\\\/\\\/www.garciafaura.com\\\/wp-content\\\/uploads\\\/2018\\\/11\\\/Cli\\u0301nica-Universita\\u0300ria-FUB-Manresa-03.jpg&quot;,&quot;title&quot;:&quot;Fabricaci\\u00f3n e instalaci\\u00f3n de los cerramientos del nuevo edificio docente de la Fundaci\\u00f3n&quot;},{&quot;src&quot;:&quot;https:\\\/\\\/www.garciafaura.com\\\/wp-content\\\/uploads\\\/2018\\\/11\\\/Cli\\u0301nica-Universita\\u0300ria-FUB-Manresa-02.jpg&quot;,&quot;title&quot;:&quot;Fabricaci\\u00f3n e instalaci\\u00f3n de los cerramientos del nuevo edificio docente de la Fundaci\\u00f3n&quot;}]\"><img loading=\"lazy\" decoding=\"async\" data-no-lazy=\"1\" class=\"portfolio-entry-img skip-lazy\" src=\"https:\/\/www.garciafaura.com\/wp-content\/uploads\/2018\/11\/Cli\u0301nica-Universita\u0300ria-FUB-Manresa-01-600x314.jpg\" alt=\"Fabricaci\u00f3n E Instalaci\u00f3n De Los Cerramientos Del Nuevo Edificio Docente De La Fundaci\u00f3n\" data-no-retina width=\"600\" height=\"314\" \/><\/a><\/div><div class=\"portfolio-entry-details entry-details wpex-clr\"><h2 class=\"portfolio-entry-title entry-title\"><a href=\"https:\/\/www.garciafaura.com\/es\/portfolio-item\/clinica-universitaria-fub-manresa\/\" title=\"Cl\u00ednica Universitaria FUB Manresa\">Cl\u00ednica Universitaria FUB Manresa<\/a><\/h2><div class=\"portfolio-entry-categories entry-categories wpex-clr\"><a href=\"https:\/\/www.garciafaura.com\/es\/portfolio-category\/edificios-de-servicios\/\" class=\"term-49\">Edificios de Servicios<\/a><\/div><\/div><\/div><\/div><div class=\"portfolio-entry vcex-grid-item entry-has-details span_1_of_3 col col-3 vcex-isotope-entry vcex-no-margin-entry post-18083 entry type-portfolio has-media cat-49 cat-51 cat-52 cat-118 cat-119 translation_priority-6\"><div class=\"portfolio-entry-inner entry-inner wpex-clr\"><div class=\"portfolio-entry-media entry-media wpex-clr\"><a href=\"https:\/\/www.garciafaura.com\/wp-content\/uploads\/2018\/11\/Edifici-ICFO-Campus-UPC-01.jpg\" title=\"Edificio ICFO Campus UPC Castelldefels\" class=\"portfolio-entry-media-link wpex-lightbox-gallery\" data-gallery=\"[{&quot;src&quot;:&quot;https:\\\/\\\/www.garciafaura.com\\\/wp-content\\\/uploads\\\/2018\\\/11\\\/Edifici-ICFO-Campus-UPC-01.jpg&quot;,&quot;title&quot;:&quot;Cerramientos y pasarelas del Instituto de Ciencias Fot\\u00f3nicas en el Campus Castelldefels&quot;},{&quot;src&quot;:&quot;https:\\\/\\\/www.garciafaura.com\\\/wp-content\\\/uploads\\\/2018\\\/11\\\/Edifici-ICFO-Campus-UPC-33.jpg&quot;,&quot;title&quot;:&quot;Cerramientos y pasarelas del Instituto de Ciencias Fot\\u00f3nicas en el Campus Castelldefels&quot;},{&quot;src&quot;:&quot;https:\\\/\\\/www.garciafaura.com\\\/wp-content\\\/uploads\\\/2018\\\/11\\\/Edifici-ICFO-Campus-UPC-32.jpg&quot;,&quot;title&quot;:&quot;Cerramientos y pasarelas del Instituto de Ciencias Fot\\u00f3nicas en el Campus Castelldefels&quot;},{&quot;src&quot;:&quot;https:\\\/\\\/www.garciafaura.com\\\/wp-content\\\/uploads\\\/2018\\\/11\\\/Edifici-ICFO-Campus-UPC-31.jpg&quot;,&quot;title&quot;:&quot;Cerramientos y pasarelas del Instituto de Ciencias Fot\\u00f3nicas en el Campus Castelldefels&quot;},{&quot;src&quot;:&quot;https:\\\/\\\/www.garciafaura.com\\\/wp-content\\\/uploads\\\/2018\\\/11\\\/Edifici-ICFO-Campus-UPC-30.jpg&quot;,&quot;title&quot;:&quot;Cerramientos y pasarelas del Instituto de Ciencias Fot\\u00f3nicas en el Campus Castelldefels&quot;},{&quot;src&quot;:&quot;https:\\\/\\\/www.garciafaura.com\\\/wp-content\\\/uploads\\\/2018\\\/11\\\/Edifici-ICFO-Campus-UPC-29.jpg&quot;,&quot;title&quot;:&quot;Cerramientos y pasarelas del Instituto de Ciencias Fot\\u00f3nicas en el Campus Castelldefels&quot;},{&quot;src&quot;:&quot;https:\\\/\\\/www.garciafaura.com\\\/wp-content\\\/uploads\\\/2018\\\/11\\\/Edifici-ICFO-Campus-UPC-28.jpg&quot;,&quot;title&quot;:&quot;Cerramientos y pasarelas del Instituto de Ciencias Fot\\u00f3nicas en el Campus Castelldefels&quot;},{&quot;src&quot;:&quot;https:\\\/\\\/www.garciafaura.com\\\/wp-content\\\/uploads\\\/2018\\\/11\\\/Edifici-ICFO-Campus-UPC-27.jpg&quot;,&quot;title&quot;:&quot;Cerramientos y pasarelas del Instituto de Ciencias Fot\\u00f3nicas en el Campus Castelldefels&quot;},{&quot;src&quot;:&quot;https:\\\/\\\/www.garciafaura.com\\\/wp-content\\\/uploads\\\/2018\\\/11\\\/Edifici-ICFO-Campus-UPC-26.jpg&quot;,&quot;title&quot;:&quot;Cerramientos y pasarelas del Instituto de Ciencias Fot\\u00f3nicas en el Campus Castelldefels&quot;},{&quot;src&quot;:&quot;https:\\\/\\\/www.garciafaura.com\\\/wp-content\\\/uploads\\\/2018\\\/11\\\/Edifici-ICFO-Campus-UPC-25.jpg&quot;,&quot;title&quot;:&quot;Cerramientos y pasarelas del Instituto de Ciencias Fot\\u00f3nicas en el Campus Castelldefels&quot;},{&quot;src&quot;:&quot;https:\\\/\\\/www.garciafaura.com\\\/wp-content\\\/uploads\\\/2018\\\/11\\\/Edifici-ICFO-Campus-UPC-24.jpg&quot;,&quot;title&quot;:&quot;Cerramientos y pasarelas del Instituto de Ciencias Fot\\u00f3nicas en el Campus Castelldefels&quot;},{&quot;src&quot;:&quot;https:\\\/\\\/www.garciafaura.com\\\/wp-content\\\/uploads\\\/2018\\\/11\\\/Edifici-ICFO-Campus-UPC-23.jpg&quot;,&quot;title&quot;:&quot;Cerramientos y pasarelas del Instituto de Ciencias Fot\\u00f3nicas en el Campus Castelldefels&quot;},{&quot;src&quot;:&quot;https:\\\/\\\/www.garciafaura.com\\\/wp-content\\\/uploads\\\/2018\\\/11\\\/Edifici-ICFO-Campus-UPC-22.jpg&quot;,&quot;title&quot;:&quot;Cerramientos y pasarelas del Instituto de Ciencias Fot\\u00f3nicas en el Campus Castelldefels&quot;},{&quot;src&quot;:&quot;https:\\\/\\\/www.garciafaura.com\\\/wp-content\\\/uploads\\\/2018\\\/11\\\/Edifici-ICFO-Campus-UPC-21.jpg&quot;,&quot;title&quot;:&quot;Cerramientos y pasarelas del Instituto de Ciencias Fot\\u00f3nicas en el Campus Castelldefels&quot;},{&quot;src&quot;:&quot;https:\\\/\\\/www.garciafaura.com\\\/wp-content\\\/uploads\\\/2018\\\/11\\\/Edifici-ICFO-Campus-UPC-20.jpg&quot;,&quot;title&quot;:&quot;Cerramientos y pasarelas del Instituto de Ciencias Fot\\u00f3nicas en el Campus Castelldefels&quot;},{&quot;src&quot;:&quot;https:\\\/\\\/www.garciafaura.com\\\/wp-content\\\/uploads\\\/2018\\\/11\\\/Edifici-ICFO-Campus-UPC-19.jpg&quot;,&quot;title&quot;:&quot;Cerramientos y pasarelas del Instituto de Ciencias Fot\\u00f3nicas en el Campus Castelldefels&quot;},{&quot;src&quot;:&quot;https:\\\/\\\/www.garciafaura.com\\\/wp-content\\\/uploads\\\/2018\\\/11\\\/Edifici-ICFO-Campus-UPC-18.jpg&quot;,&quot;title&quot;:&quot;Cerramientos y pasarelas del Instituto de Ciencias Fot\\u00f3nicas en el Campus Castelldefels&quot;},{&quot;src&quot;:&quot;https:\\\/\\\/www.garciafaura.com\\\/wp-content\\\/uploads\\\/2018\\\/11\\\/Edifici-ICFO-Campus-UPC-17.jpg&quot;,&quot;title&quot;:&quot;Cerramientos y pasarelas del Instituto de Ciencias Fot\\u00f3nicas en el Campus Castelldefels&quot;},{&quot;src&quot;:&quot;https:\\\/\\\/www.garciafaura.com\\\/wp-content\\\/uploads\\\/2018\\\/11\\\/Edifici-ICFO-Campus-UPC-16.jpg&quot;,&quot;title&quot;:&quot;Cerramientos y pasarelas del Instituto de Ciencias Fot\\u00f3nicas en el Campus Castelldefels&quot;},{&quot;src&quot;:&quot;https:\\\/\\\/www.garciafaura.com\\\/wp-content\\\/uploads\\\/2018\\\/11\\\/Edifici-ICFO-Campus-UPC-15.jpg&quot;,&quot;title&quot;:&quot;Cerramientos y pasarelas del Instituto de Ciencias Fot\\u00f3nicas en el Campus Castelldefels&quot;},{&quot;src&quot;:&quot;https:\\\/\\\/www.garciafaura.com\\\/wp-content\\\/uploads\\\/2018\\\/11\\\/Edifici-ICFO-Campus-UPC-14.jpg&quot;,&quot;title&quot;:&quot;Cerramientos y pasarelas del Instituto de Ciencias Fot\\u00f3nicas en el Campus Castelldefels&quot;},{&quot;src&quot;:&quot;https:\\\/\\\/www.garciafaura.com\\\/wp-content\\\/uploads\\\/2018\\\/11\\\/Edifici-ICFO-Campus-UPC-13.jpg&quot;,&quot;title&quot;:&quot;Cerramientos y pasarelas del Instituto de Ciencias Fot\\u00f3nicas en el Campus Castelldefels&quot;},{&quot;src&quot;:&quot;https:\\\/\\\/www.garciafaura.com\\\/wp-content\\\/uploads\\\/2018\\\/11\\\/Edifici-ICFO-Campus-UPC-12.jpg&quot;,&quot;title&quot;:&quot;Cerramientos y pasarelas del Instituto de Ciencias Fot\\u00f3nicas en el Campus Castelldefels&quot;},{&quot;src&quot;:&quot;https:\\\/\\\/www.garciafaura.com\\\/wp-content\\\/uploads\\\/2018\\\/11\\\/Edifici-ICFO-Campus-UPC-11.jpg&quot;,&quot;title&quot;:&quot;Cerramientos y pasarelas del Instituto de Ciencias Fot\\u00f3nicas en el Campus Castelldefels&quot;},{&quot;src&quot;:&quot;https:\\\/\\\/www.garciafaura.com\\\/wp-content\\\/uploads\\\/2018\\\/11\\\/Edifici-ICFO-Campus-UPC-10.jpg&quot;,&quot;title&quot;:&quot;Cerramientos y pasarelas del Instituto de Ciencias Fot\\u00f3nicas en el Campus Castelldefels&quot;},{&quot;src&quot;:&quot;https:\\\/\\\/www.garciafaura.com\\\/wp-content\\\/uploads\\\/2018\\\/11\\\/Edifici-ICFO-Campus-UPC-09.jpg&quot;,&quot;title&quot;:&quot;Cerramientos y pasarelas del Instituto de Ciencias Fot\\u00f3nicas en el Campus Castelldefels&quot;},{&quot;src&quot;:&quot;https:\\\/\\\/www.garciafaura.com\\\/wp-content\\\/uploads\\\/2018\\\/11\\\/Edifici-ICFO-Campus-UPC-08.jpg&quot;,&quot;title&quot;:&quot;Cerramientos y pasarelas del Instituto de Ciencias Fot\\u00f3nicas en el Campus Castelldefels&quot;},{&quot;src&quot;:&quot;https:\\\/\\\/www.garciafaura.com\\\/wp-content\\\/uploads\\\/2018\\\/11\\\/Edifici-ICFO-Campus-UPC-07.jpg&quot;,&quot;title&quot;:&quot;Cerramientos y pasarelas del Instituto de Ciencias Fot\\u00f3nicas en el Campus Castelldefels&quot;},{&quot;src&quot;:&quot;https:\\\/\\\/www.garciafaura.com\\\/wp-content\\\/uploads\\\/2018\\\/11\\\/Edifici-ICFO-Campus-UPC-06.jpg&quot;,&quot;title&quot;:&quot;Cerramientos y pasarelas del Instituto de Ciencias Fot\\u00f3nicas en el Campus Castelldefels&quot;},{&quot;src&quot;:&quot;https:\\\/\\\/www.garciafaura.com\\\/wp-content\\\/uploads\\\/2018\\\/11\\\/Edifici-ICFO-Campus-UPC-04.jpg&quot;,&quot;title&quot;:&quot;Cerramientos y pasarelas del Instituto de Ciencias Fot\\u00f3nicas en el Campus Castelldefels&quot;},{&quot;src&quot;:&quot;https:\\\/\\\/www.garciafaura.com\\\/wp-content\\\/uploads\\\/2018\\\/11\\\/Edifici-ICFO-Campus-UPC-05.jpg&quot;,&quot;title&quot;:&quot;Cerramientos y pasarelas del Instituto de Ciencias Fot\\u00f3nicas en el Campus Castelldefels&quot;},{&quot;src&quot;:&quot;https:\\\/\\\/www.garciafaura.com\\\/wp-content\\\/uploads\\\/2018\\\/11\\\/Edifici-ICFO-Campus-UPC-03.jpg&quot;,&quot;title&quot;:&quot;Cerramientos y pasarelas del Instituto de Ciencias Fot\\u00f3nicas en el Campus Castelldefels&quot;},{&quot;src&quot;:&quot;https:\\\/\\\/www.garciafaura.com\\\/wp-content\\\/uploads\\\/2018\\\/11\\\/Edifici-ICFO-Campus-UPC-02.jpg&quot;,&quot;title&quot;:&quot;Cerramientos y pasarelas del Instituto de Ciencias Fot\\u00f3nicas en el Campus Castelldefels&quot;}]\"><img loading=\"lazy\" decoding=\"async\" data-no-lazy=\"1\" class=\"portfolio-entry-img skip-lazy\" src=\"https:\/\/www.garciafaura.com\/wp-content\/uploads\/2018\/11\/Edifici-ICFO-Campus-UPC-01-600x314.jpg\" alt=\"Cerramientos Y Pasarelas Del Instituto De Ciencias Fot\u00f3nicas En El Campus Castelldefels\" data-no-retina width=\"600\" height=\"314\" \/><\/a><\/div><div class=\"portfolio-entry-details entry-details wpex-clr\"><h2 class=\"portfolio-entry-title entry-title\"><a href=\"https:\/\/www.garciafaura.com\/es\/portfolio-item\/edificio-icfo-campus-upc-castelldefels\/\" title=\"Edificio ICFO Campus UPC Castelldefels\">Edificio ICFO Campus UPC Castelldefels<\/a><\/h2><div class=\"portfolio-entry-categories entry-categories wpex-clr\"><a href=\"https:\/\/www.garciafaura.com\/es\/portfolio-category\/edificios-de-servicios\/\" class=\"term-49\">Edificios de Servicios<\/a><\/div><\/div><\/div><\/div><div class=\"portfolio-entry vcex-grid-item entry-has-details span_1_of_3 col col-1 vcex-isotope-entry vcex-no-margin-entry post-18074 entry type-portfolio has-media cat-49 translation_priority-6\"><div class=\"portfolio-entry-inner entry-inner wpex-clr\"><div class=\"portfolio-entry-media entry-media wpex-clr\"><a href=\"https:\/\/www.garciafaura.com\/wp-content\/uploads\/2018\/11\/Institut-La-Mitjana-02.jpg\" title=\"Instituto La Mitjana\" class=\"portfolio-entry-media-link wpex-lightbox-gallery\" data-gallery=\"[{&quot;src&quot;:&quot;https:\\\/\\\/www.garciafaura.com\\\/wp-content\\\/uploads\\\/2018\\\/11\\\/Institut-La-Mitjana-01.jpg&quot;,&quot;title&quot;:&quot;Cerramientos y trabajos en vidrio del nuevo Instituto de secundaria de Lleida&quot;},{&quot;src&quot;:&quot;https:\\\/\\\/www.garciafaura.com\\\/wp-content\\\/uploads\\\/2018\\\/11\\\/Institut-La-Mitjana-02.jpg&quot;,&quot;title&quot;:&quot;Cerramientos y trabajos en vidrio del nuevo Instituto de secundaria de Lleida&quot;}]\"><img loading=\"lazy\" decoding=\"async\" data-no-lazy=\"1\" class=\"portfolio-entry-img skip-lazy\" src=\"https:\/\/www.garciafaura.com\/wp-content\/uploads\/2018\/11\/Institut-La-Mitjana-02.jpg\" alt=\"Cerramientos Y Trabajos En Vidrio Del Nuevo Instituto De Secundaria De Lleida\" data-no-retina width=\"600\" height=\"313\" \/><\/a><\/div><div class=\"portfolio-entry-details entry-details wpex-clr\"><h2 class=\"portfolio-entry-title entry-title\"><a href=\"https:\/\/www.garciafaura.com\/es\/portfolio-item\/instituto-la-mitjana\/\" title=\"Instituto La Mitjana\">Instituto La Mitjana<\/a><\/h2><div class=\"portfolio-entry-categories entry-categories wpex-clr\"><a href=\"https:\/\/www.garciafaura.com\/es\/portfolio-category\/edificios-de-servicios\/\" class=\"term-49\">Edificios de Servicios<\/a><\/div><\/div><\/div><\/div><div class=\"portfolio-entry vcex-grid-item entry-has-details span_1_of_3 col col-2 vcex-isotope-entry vcex-no-margin-entry post-18071 entry type-portfolio has-media cat-49 translation_priority-6\"><div class=\"portfolio-entry-inner entry-inner wpex-clr\"><div class=\"portfolio-entry-media entry-media wpex-clr\"><a href=\"https:\/\/www.garciafaura.com\/wp-content\/uploads\/2018\/11\/Reside\u0300ncia-Mas-Sauro\u0301-01.jpg\" title=\"Residencia Mas Saur\u00f3\" class=\"portfolio-entry-media-link wpex-lightbox-gallery\" data-gallery=\"[{&quot;src&quot;:&quot;https:\\\/\\\/www.garciafaura.com\\\/wp-content\\\/uploads\\\/2018\\\/11\\\/Reside\\u0300ncia-Mas-Sauro\\u0301-01.jpg&quot;,&quot;title&quot;:&quot;Cerramientos de aluminio y vidrio en residencia p\\u00fablica en Vallvidrera&quot;},{&quot;src&quot;:&quot;https:\\\/\\\/www.garciafaura.com\\\/wp-content\\\/uploads\\\/2018\\\/11\\\/Reside\\u0300ncia-Mas-Sauro\\u0301-08.jpg&quot;,&quot;title&quot;:&quot;Cerramientos de aluminio y vidrio en residencia p\\u00fablica en Vallvidrera&quot;},{&quot;src&quot;:&quot;https:\\\/\\\/www.garciafaura.com\\\/wp-content\\\/uploads\\\/2018\\\/11\\\/Reside\\u0300ncia-Mas-Sauro\\u0301-07.jpg&quot;,&quot;title&quot;:&quot;Cerramientos de aluminio y vidrio en residencia p\\u00fablica en Vallvidrera&quot;},{&quot;src&quot;:&quot;https:\\\/\\\/www.garciafaura.com\\\/wp-content\\\/uploads\\\/2018\\\/11\\\/Reside\\u0300ncia-Mas-Sauro\\u0301-06.jpg&quot;,&quot;title&quot;:&quot;Cerramientos de aluminio y vidrio en residencia p\\u00fablica en Vallvidrera&quot;},{&quot;src&quot;:&quot;https:\\\/\\\/www.garciafaura.com\\\/wp-content\\\/uploads\\\/2018\\\/11\\\/Reside\\u0300ncia-Mas-Sauro\\u0301-04.jpg&quot;,&quot;title&quot;:&quot;Cerramientos de aluminio y vidrio en residencia p\\u00fablica en Vallvidrera&quot;},{&quot;src&quot;:&quot;https:\\\/\\\/www.garciafaura.com\\\/wp-content\\\/uploads\\\/2018\\\/11\\\/Reside\\u0300ncia-Mas-Sauro\\u0301-05.jpg&quot;,&quot;title&quot;:&quot;Cerramientos de aluminio y vidrio en residencia p\\u00fablica en Vallvidrera&quot;},{&quot;src&quot;:&quot;https:\\\/\\\/www.garciafaura.com\\\/wp-content\\\/uploads\\\/2018\\\/11\\\/Reside\\u0300ncia-Mas-Sauro\\u0301-03.jpg&quot;,&quot;title&quot;:&quot;Cerramientos de aluminio y vidrio en residencia p\\u00fablica en Vallvidrera&quot;},{&quot;src&quot;:&quot;https:\\\/\\\/www.garciafaura.com\\\/wp-content\\\/uploads\\\/2018\\\/11\\\/Reside\\u0300ncia-Mas-Sauro\\u0301-02.jpg&quot;,&quot;title&quot;:&quot;Cerramientos de aluminio y vidrio en residencia p\\u00fablica en Vallvidrera&quot;}]\"><img loading=\"lazy\" decoding=\"async\" data-no-lazy=\"1\" class=\"portfolio-entry-img skip-lazy\" src=\"https:\/\/www.garciafaura.com\/wp-content\/uploads\/2018\/11\/Reside\u0300ncia-Mas-Sauro\u0301-01-600x314.jpg\" alt=\"Cerramientos De Aluminio Y Vidrio En Residencia P\u00fablica En Vallvidrera\" data-no-retina width=\"600\" height=\"314\" \/><\/a><\/div><div class=\"portfolio-entry-details entry-details wpex-clr\"><h2 class=\"portfolio-entry-title entry-title\"><a href=\"https:\/\/www.garciafaura.com\/es\/portfolio-item\/residencia-mas-sauro\/\" title=\"Residencia Mas Saur\u00f3\">Residencia Mas Saur\u00f3<\/a><\/h2><div class=\"portfolio-entry-categories entry-categories wpex-clr\"><a href=\"https:\/\/www.garciafaura.com\/es\/portfolio-category\/edificios-de-servicios\/\" class=\"term-49\">Edificios de Servicios<\/a><\/div><\/div><\/div><\/div><div class=\"portfolio-entry vcex-grid-item entry-has-details span_1_of_3 col col-3 vcex-isotope-entry vcex-no-margin-entry post-18068 entry type-portfolio has-media cat-49 translation_priority-6\"><div class=\"portfolio-entry-inner entry-inner wpex-clr\"><div class=\"portfolio-entry-media entry-media wpex-clr\"><a href=\"https:\/\/www.garciafaura.com\/wp-content\/uploads\/2018\/11\/Ampliacio\u0301-Institut-Qui\u0301mic-Sarria\u0300-01.jpg\" title=\"Ampliaci\u00f3n Instituto Qu\u00edmico de Sarri\u00e0\" class=\"portfolio-entry-media-link wpex-lightbox-gallery\" data-gallery=\"[{&quot;src&quot;:&quot;https:\\\/\\\/www.garciafaura.com\\\/wp-content\\\/uploads\\\/2018\\\/11\\\/Ampliacio\\u0301-Institut-Qui\\u0301mic-Sarria\\u0300-01.jpg&quot;,&quot;title&quot;:&quot;Nuevo edificio del Instituto Qu\\u00edmico de Sarri\\u00e0, en Barcelona&quot;},{&quot;src&quot;:&quot;https:\\\/\\\/www.garciafaura.com\\\/wp-content\\\/uploads\\\/2018\\\/11\\\/Ampliacio\\u0301-Institut-Qui\\u0301mic-Sarria\\u0300-20.jpg&quot;,&quot;title&quot;:&quot;Nuevo edificio del Instituto Qu\\u00edmico de Sarri\\u00e0, en Barcelona&quot;},{&quot;src&quot;:&quot;https:\\\/\\\/www.garciafaura.com\\\/wp-content\\\/uploads\\\/2018\\\/11\\\/Ampliacio\\u0301-Institut-Qui\\u0301mic-Sarria\\u0300-19.jpg&quot;,&quot;title&quot;:&quot;Nuevo edificio del Instituto Qu\\u00edmico de Sarri\\u00e0, en Barcelona&quot;},{&quot;src&quot;:&quot;https:\\\/\\\/www.garciafaura.com\\\/wp-content\\\/uploads\\\/2018\\\/11\\\/Ampliacio\\u0301-Institut-Qui\\u0301mic-Sarria\\u0300-18.jpg&quot;,&quot;title&quot;:&quot;Nuevo edificio del Instituto Qu\\u00edmico de Sarri\\u00e0, en Barcelona&quot;},{&quot;src&quot;:&quot;https:\\\/\\\/www.garciafaura.com\\\/wp-content\\\/uploads\\\/2018\\\/11\\\/Ampliacio\\u0301-Institut-Qui\\u0301mic-Sarria\\u0300-17.jpg&quot;,&quot;title&quot;:&quot;Nuevo edificio del Instituto Qu\\u00edmico de Sarri\\u00e0, en Barcelona&quot;},{&quot;src&quot;:&quot;https:\\\/\\\/www.garciafaura.com\\\/wp-content\\\/uploads\\\/2018\\\/11\\\/Ampliacio\\u0301-Institut-Qui\\u0301mic-Sarria\\u0300-16.jpg&quot;,&quot;title&quot;:&quot;Nuevo edificio del Instituto Qu\\u00edmico de Sarri\\u00e0, en Barcelona&quot;},{&quot;src&quot;:&quot;https:\\\/\\\/www.garciafaura.com\\\/wp-content\\\/uploads\\\/2018\\\/11\\\/Ampliacio\\u0301-Institut-Qui\\u0301mic-Sarria\\u0300-15.jpg&quot;,&quot;title&quot;:&quot;Nuevo edificio del Instituto Qu\\u00edmico de Sarri\\u00e0, en Barcelona&quot;},{&quot;src&quot;:&quot;https:\\\/\\\/www.garciafaura.com\\\/wp-content\\\/uploads\\\/2018\\\/11\\\/Ampliacio\\u0301-Institut-Qui\\u0301mic-Sarria\\u0300-14.jpg&quot;,&quot;title&quot;:&quot;Nuevo edificio del Instituto Qu\\u00edmico de Sarri\\u00e0, en Barcelona&quot;},{&quot;src&quot;:&quot;https:\\\/\\\/www.garciafaura.com\\\/wp-content\\\/uploads\\\/2018\\\/11\\\/Ampliacio\\u0301-Institut-Qui\\u0301mic-Sarria\\u0300-13.jpg&quot;,&quot;title&quot;:&quot;Nuevo edificio del Instituto Qu\\u00edmico de Sarri\\u00e0, en Barcelona&quot;},{&quot;src&quot;:&quot;https:\\\/\\\/www.garciafaura.com\\\/wp-content\\\/uploads\\\/2018\\\/11\\\/Ampliacio\\u0301-Institut-Qui\\u0301mic-Sarria\\u0300-12.jpg&quot;,&quot;title&quot;:&quot;Nuevo edificio del Instituto Qu\\u00edmico de Sarri\\u00e0, en Barcelona&quot;},{&quot;src&quot;:&quot;https:\\\/\\\/www.garciafaura.com\\\/wp-content\\\/uploads\\\/2018\\\/11\\\/Ampliacio\\u0301-Institut-Qui\\u0301mic-Sarria\\u0300-11.jpg&quot;,&quot;title&quot;:&quot;Nuevo edificio del Instituto Qu\\u00edmico de Sarri\\u00e0, en Barcelona&quot;},{&quot;src&quot;:&quot;https:\\\/\\\/www.garciafaura.com\\\/wp-content\\\/uploads\\\/2018\\\/11\\\/Ampliacio\\u0301-Institut-Qui\\u0301mic-Sarria\\u0300-10.jpg&quot;,&quot;title&quot;:&quot;Nuevo edificio del Instituto Qu\\u00edmico de Sarri\\u00e0, en Barcelona&quot;},{&quot;src&quot;:&quot;https:\\\/\\\/www.garciafaura.com\\\/wp-content\\\/uploads\\\/2018\\\/11\\\/Ampliacio\\u0301-Institut-Qui\\u0301mic-Sarria\\u0300-09.jpg&quot;,&quot;title&quot;:&quot;Nuevo edificio del Instituto Qu\\u00edmico de Sarri\\u00e0, en Barcelona&quot;},{&quot;src&quot;:&quot;https:\\\/\\\/www.garciafaura.com\\\/wp-content\\\/uploads\\\/2018\\\/11\\\/Ampliacio\\u0301-Institut-Qui\\u0301mic-Sarria\\u0300-08.jpg&quot;,&quot;title&quot;:&quot;Nuevo edificio del Instituto Qu\\u00edmico de Sarri\\u00e0, en Barcelona&quot;},{&quot;src&quot;:&quot;https:\\\/\\\/www.garciafaura.com\\\/wp-content\\\/uploads\\\/2018\\\/11\\\/Ampliacio\\u0301-Institut-Qui\\u0301mic-Sarria\\u0300-07.jpg&quot;,&quot;title&quot;:&quot;Nuevo edificio del Instituto Qu\\u00edmico de Sarri\\u00e0, en Barcelona&quot;},{&quot;src&quot;:&quot;https:\\\/\\\/www.garciafaura.com\\\/wp-content\\\/uploads\\\/2018\\\/11\\\/Ampliacio\\u0301-Institut-Qui\\u0301mic-Sarria\\u0300-06.jpg&quot;,&quot;title&quot;:&quot;Nuevo edificio del Instituto Qu\\u00edmico de Sarri\\u00e0, en Barcelona&quot;},{&quot;src&quot;:&quot;https:\\\/\\\/www.garciafaura.com\\\/wp-content\\\/uploads\\\/2018\\\/11\\\/Ampliacio\\u0301-Institut-Qui\\u0301mic-Sarria\\u0300-05.jpg&quot;,&quot;title&quot;:&quot;Nuevo edificio del Instituto Qu\\u00edmico de Sarri\\u00e0, en Barcelona&quot;},{&quot;src&quot;:&quot;https:\\\/\\\/www.garciafaura.com\\\/wp-content\\\/uploads\\\/2018\\\/11\\\/Ampliacio\\u0301-Institut-Qui\\u0301mic-Sarria\\u0300-04.jpg&quot;,&quot;title&quot;:&quot;Nuevo edificio del Instituto Qu\\u00edmico de Sarri\\u00e0, en Barcelona&quot;},{&quot;src&quot;:&quot;https:\\\/\\\/www.garciafaura.com\\\/wp-content\\\/uploads\\\/2018\\\/11\\\/Ampliacio\\u0301-Institut-Qui\\u0301mic-Sarria\\u0300-03.jpg&quot;,&quot;title&quot;:&quot;Nuevo edificio del Instituto Qu\\u00edmico de Sarri\\u00e0, en Barcelona&quot;},{&quot;src&quot;:&quot;https:\\\/\\\/www.garciafaura.com\\\/wp-content\\\/uploads\\\/2018\\\/11\\\/Ampliacio\\u0301-Institut-Qui\\u0301mic-Sarria\\u0300-02.jpg&quot;,&quot;title&quot;:&quot;Nuevo edificio del Instituto Qu\\u00edmico de Sarri\\u00e0, en Barcelona&quot;}]\"><img loading=\"lazy\" decoding=\"async\" data-no-lazy=\"1\" class=\"portfolio-entry-img skip-lazy\" src=\"https:\/\/www.garciafaura.com\/wp-content\/uploads\/2018\/11\/Ampliacio\u0301-Institut-Qui\u0301mic-Sarria\u0300-01-600x314.jpg\" alt=\"Nuevo Edificio Del Instituto Qu\u00edmico De Sarri\u00e0, En Barcelona\" data-no-retina width=\"600\" height=\"314\" \/><\/a><\/div><div class=\"portfolio-entry-details entry-details wpex-clr\"><h2 class=\"portfolio-entry-title entry-title\"><a href=\"https:\/\/www.garciafaura.com\/es\/portfolio-item\/ampliacion-instituto-quimico-de-sarria\/\" title=\"Ampliaci\u00f3n Instituto Qu\u00edmico de Sarri\u00e0\">Ampliaci\u00f3n Instituto Qu\u00edmico de Sarri\u00e0<\/a><\/h2><div class=\"portfolio-entry-categories entry-categories wpex-clr\"><a href=\"https:\/\/www.garciafaura.com\/es\/portfolio-category\/edificios-de-servicios\/\" class=\"term-49\">Edificios de Servicios<\/a><\/div><\/div><\/div><\/div><div class=\"portfolio-entry vcex-grid-item entry-has-details span_1_of_3 col col-1 vcex-isotope-entry vcex-no-margin-entry post-18065 entry type-portfolio has-media cat-49 cat-58 translation_priority-6\"><div class=\"portfolio-entry-inner entry-inner wpex-clr\"><div class=\"portfolio-entry-media entry-media wpex-clr\"><a href=\"https:\/\/www.garciafaura.com\/wp-content\/uploads\/2018\/11\/Rehabilitacio\u0301-Cli\u0301nica-Bonanova-01.jpg\" title=\"Rehabilitaci\u00f3n Cl\u00ednica Bonanova\" class=\"portfolio-entry-media-link wpex-lightbox-gallery\" data-gallery=\"[{&quot;src&quot;:&quot;https:\\\/\\\/www.garciafaura.com\\\/wp-content\\\/uploads\\\/2018\\\/11\\\/Rehabilitacio\\u0301-Cli\\u0301nica-Bonanova-01.jpg&quot;,&quot;title&quot;:&quot;Rehabilitaci\\u00f3n integral de edificio en desuso para acoger servicios asistenciales&quot;},{&quot;src&quot;:&quot;https:\\\/\\\/www.garciafaura.com\\\/wp-content\\\/uploads\\\/2018\\\/11\\\/Rehabilitacio\\u0301-Cli\\u0301nica-Bonanova-15.jpg&quot;,&quot;title&quot;:&quot;Rehabilitaci\\u00f3n integral de edificio en desuso para acoger servicios asistenciales&quot;},{&quot;src&quot;:&quot;https:\\\/\\\/www.garciafaura.com\\\/wp-content\\\/uploads\\\/2018\\\/11\\\/Rehabilitacio\\u0301-Cli\\u0301nica-Bonanova-14.jpg&quot;,&quot;title&quot;:&quot;Rehabilitaci\\u00f3n integral de edificio en desuso para acoger servicios asistenciales&quot;},{&quot;src&quot;:&quot;https:\\\/\\\/www.garciafaura.com\\\/wp-content\\\/uploads\\\/2018\\\/11\\\/Rehabilitacio\\u0301-Cli\\u0301nica-Bonanova-13.jpg&quot;,&quot;title&quot;:&quot;Rehabilitaci\\u00f3n integral de edificio en desuso para acoger servicios asistenciales&quot;},{&quot;src&quot;:&quot;https:\\\/\\\/www.garciafaura.com\\\/wp-content\\\/uploads\\\/2018\\\/11\\\/Rehabilitacio\\u0301-Cli\\u0301nica-Bonanova-12.jpg&quot;,&quot;title&quot;:&quot;Rehabilitaci\\u00f3n integral de edificio en desuso para acoger servicios asistenciales&quot;},{&quot;src&quot;:&quot;https:\\\/\\\/www.garciafaura.com\\\/wp-content\\\/uploads\\\/2018\\\/11\\\/Rehabilitacio\\u0301-Cli\\u0301nica-Bonanova-11.jpg&quot;,&quot;title&quot;:&quot;Rehabilitaci\\u00f3n integral de edificio en desuso para acoger servicios asistenciales&quot;},{&quot;src&quot;:&quot;https:\\\/\\\/www.garciafaura.com\\\/wp-content\\\/uploads\\\/2018\\\/11\\\/Rehabilitacio\\u0301-Cli\\u0301nica-Bonanova-10.jpg&quot;,&quot;title&quot;:&quot;Rehabilitaci\\u00f3n integral de edificio en desuso para acoger servicios asistenciales&quot;},{&quot;src&quot;:&quot;https:\\\/\\\/www.garciafaura.com\\\/wp-content\\\/uploads\\\/2018\\\/11\\\/Rehabilitacio\\u0301-Cli\\u0301nica-Bonanova-09.jpg&quot;,&quot;title&quot;:&quot;Rehabilitaci\\u00f3n integral de edificio en desuso para acoger servicios asistenciales&quot;},{&quot;src&quot;:&quot;https:\\\/\\\/www.garciafaura.com\\\/wp-content\\\/uploads\\\/2018\\\/11\\\/Rehabilitacio\\u0301-Cli\\u0301nica-Bonanova-08.jpg&quot;,&quot;title&quot;:&quot;Rehabilitaci\\u00f3n integral de edificio en desuso para acoger servicios asistenciales&quot;},{&quot;src&quot;:&quot;https:\\\/\\\/www.garciafaura.com\\\/wp-content\\\/uploads\\\/2018\\\/11\\\/Rehabilitacio\\u0301-Cli\\u0301nica-Bonanova-07.jpg&quot;,&quot;title&quot;:&quot;Rehabilitaci\\u00f3n integral de edificio en desuso para acoger servicios asistenciales&quot;},{&quot;src&quot;:&quot;https:\\\/\\\/www.garciafaura.com\\\/wp-content\\\/uploads\\\/2018\\\/11\\\/Rehabilitacio\\u0301-Cli\\u0301nica-Bonanova-06.jpg&quot;,&quot;title&quot;:&quot;Rehabilitaci\\u00f3n integral de edificio en desuso para acoger servicios asistenciales&quot;},{&quot;src&quot;:&quot;https:\\\/\\\/www.garciafaura.com\\\/wp-content\\\/uploads\\\/2018\\\/11\\\/Rehabilitacio\\u0301-Cli\\u0301nica-Bonanova-05.jpg&quot;,&quot;title&quot;:&quot;Rehabilitaci\\u00f3n integral de edificio en desuso para acoger servicios asistenciales&quot;},{&quot;src&quot;:&quot;https:\\\/\\\/www.garciafaura.com\\\/wp-content\\\/uploads\\\/2018\\\/11\\\/Rehabilitacio\\u0301-Cli\\u0301nica-Bonanova-04.jpg&quot;,&quot;title&quot;:&quot;Rehabilitaci\\u00f3n integral de edificio en desuso para acoger servicios asistenciales&quot;},{&quot;src&quot;:&quot;https:\\\/\\\/www.garciafaura.com\\\/wp-content\\\/uploads\\\/2018\\\/11\\\/Rehabilitacio\\u0301-Cli\\u0301nica-Bonanova-03.jpg&quot;,&quot;title&quot;:&quot;Rehabilitaci\\u00f3n integral de edificio en desuso para acoger servicios asistenciales&quot;},{&quot;src&quot;:&quot;https:\\\/\\\/www.garciafaura.com\\\/wp-content\\\/uploads\\\/2018\\\/11\\\/Rehabilitacio\\u0301-Cli\\u0301nica-Bonanova-02.jpg&quot;,&quot;title&quot;:&quot;Rehabilitaci\\u00f3n integral de edificio en desuso para acoger servicios asistenciales&quot;}]\"><img loading=\"lazy\" decoding=\"async\" data-no-lazy=\"1\" class=\"portfolio-entry-img skip-lazy\" src=\"https:\/\/www.garciafaura.com\/wp-content\/uploads\/2018\/11\/Rehabilitacio\u0301-Cli\u0301nica-Bonanova-01-600x314.jpg\" alt=\"Rehabilitaci\u00f3n Integral De Edificio En Desuso Para Acoger Servicios Asistenciales\" data-no-retina width=\"600\" height=\"314\" \/><\/a><\/div><div class=\"portfolio-entry-details entry-details wpex-clr\"><h2 class=\"portfolio-entry-title entry-title\"><a href=\"https:\/\/www.garciafaura.com\/es\/portfolio-item\/rehabilitacion-clinica-bonanova\/\" title=\"Rehabilitaci\u00f3n Cl\u00ednica Bonanova\">Rehabilitaci\u00f3n Cl\u00ednica Bonanova<\/a><\/h2><div class=\"portfolio-entry-categories entry-categories wpex-clr\"><a href=\"https:\/\/www.garciafaura.com\/es\/portfolio-category\/edificios-de-servicios\/\" class=\"term-49\">Edificios de Servicios<\/a><\/div><\/div><\/div><\/div><div class=\"portfolio-entry vcex-grid-item entry-has-details span_1_of_3 col col-2 vcex-isotope-entry vcex-no-margin-entry post-18062 entry type-portfolio has-media cat-49 cat-58 translation_priority-6\"><div class=\"portfolio-entry-inner entry-inner wpex-clr\"><div class=\"portfolio-entry-media entry-media wpex-clr\"><a href=\"https:\/\/www.garciafaura.com\/wp-content\/uploads\/2018\/11\/Rehabilitacio\u0301-espai-Alchemika-10.jpg\" title=\"Rehabilitaci\u00f3n Espacio Alchemika\" class=\"portfolio-entry-media-link wpex-lightbox-gallery\" data-gallery=\"[{&quot;src&quot;:&quot;https:\\\/\\\/www.garciafaura.com\\\/wp-content\\\/uploads\\\/2018\\\/11\\\/Rehabilitacio\\u0301-espai-Alchemika-01.jpg&quot;,&quot;title&quot;:&quot;Cerramientos de nuevos equipamientos p\\u00fablicos donde antes hab\\u00eda una f\\u00e1brica&quot;},{&quot;src&quot;:&quot;https:\\\/\\\/www.garciafaura.com\\\/wp-content\\\/uploads\\\/2018\\\/11\\\/Rehabilitacio\\u0301-espai-Alchemika-16.jpg&quot;,&quot;title&quot;:&quot;Cerramientos de nuevos equipamientos p\\u00fablicos donde antes hab\\u00eda una f\\u00e1brica&quot;},{&quot;src&quot;:&quot;https:\\\/\\\/www.garciafaura.com\\\/wp-content\\\/uploads\\\/2018\\\/11\\\/Rehabilitacio\\u0301-espai-Alchemika-15.jpg&quot;,&quot;title&quot;:&quot;Cerramientos de nuevos equipamientos p\\u00fablicos donde antes hab\\u00eda una f\\u00e1brica&quot;},{&quot;src&quot;:&quot;https:\\\/\\\/www.garciafaura.com\\\/wp-content\\\/uploads\\\/2018\\\/11\\\/Rehabilitacio\\u0301-espai-Alchemika-14.jpg&quot;,&quot;title&quot;:&quot;Cerramientos de nuevos equipamientos p\\u00fablicos donde antes hab\\u00eda una f\\u00e1brica&quot;},{&quot;src&quot;:&quot;https:\\\/\\\/www.garciafaura.com\\\/wp-content\\\/uploads\\\/2018\\\/11\\\/Rehabilitacio\\u0301-espai-Alchemika-13.jpg&quot;,&quot;title&quot;:&quot;Cerramientos de nuevos equipamientos p\\u00fablicos donde antes hab\\u00eda una f\\u00e1brica&quot;},{&quot;src&quot;:&quot;https:\\\/\\\/www.garciafaura.com\\\/wp-content\\\/uploads\\\/2018\\\/11\\\/Rehabilitacio\\u0301-espai-Alchemika-12.jpg&quot;,&quot;title&quot;:&quot;Cerramientos de nuevos equipamientos p\\u00fablicos donde antes hab\\u00eda una f\\u00e1brica&quot;},{&quot;src&quot;:&quot;https:\\\/\\\/www.garciafaura.com\\\/wp-content\\\/uploads\\\/2018\\\/11\\\/Rehabilitacio\\u0301-espai-Alchemika-11.jpg&quot;,&quot;title&quot;:&quot;Cerramientos de nuevos equipamientos p\\u00fablicos donde antes hab\\u00eda una f\\u00e1brica&quot;},{&quot;src&quot;:&quot;https:\\\/\\\/www.garciafaura.com\\\/wp-content\\\/uploads\\\/2018\\\/11\\\/Rehabilitacio\\u0301-espai-Alchemika-10.jpg&quot;,&quot;title&quot;:&quot;Cerramientos de nuevos equipamientos p\\u00fablicos donde antes hab\\u00eda una f\\u00e1brica&quot;},{&quot;src&quot;:&quot;https:\\\/\\\/www.garciafaura.com\\\/wp-content\\\/uploads\\\/2018\\\/11\\\/Rehabilitacio\\u0301-espai-Alchemika-09.jpg&quot;,&quot;title&quot;:&quot;Cerramientos de nuevos equipamientos p\\u00fablicos donde antes hab\\u00eda una f\\u00e1brica&quot;},{&quot;src&quot;:&quot;https:\\\/\\\/www.garciafaura.com\\\/wp-content\\\/uploads\\\/2018\\\/11\\\/Rehabilitacio\\u0301-espai-Alchemika-08.jpg&quot;,&quot;title&quot;:&quot;Cerramientos de nuevos equipamientos p\\u00fablicos donde antes hab\\u00eda una f\\u00e1brica&quot;},{&quot;src&quot;:&quot;https:\\\/\\\/www.garciafaura.com\\\/wp-content\\\/uploads\\\/2018\\\/11\\\/Rehabilitacio\\u0301-espai-Alchemika-07.jpg&quot;,&quot;title&quot;:&quot;Cerramientos de nuevos equipamientos p\\u00fablicos donde antes hab\\u00eda una f\\u00e1brica&quot;},{&quot;src&quot;:&quot;https:\\\/\\\/www.garciafaura.com\\\/wp-content\\\/uploads\\\/2018\\\/11\\\/Rehabilitacio\\u0301-espai-Alchemika-06.jpg&quot;,&quot;title&quot;:&quot;Cerramientos de nuevos equipamientos p\\u00fablicos donde antes hab\\u00eda una f\\u00e1brica&quot;},{&quot;src&quot;:&quot;https:\\\/\\\/www.garciafaura.com\\\/wp-content\\\/uploads\\\/2018\\\/11\\\/Rehabilitacio\\u0301-espai-Alchemika-05.jpg&quot;,&quot;title&quot;:&quot;Cerramientos de nuevos equipamientos p\\u00fablicos donde antes hab\\u00eda una f\\u00e1brica&quot;},{&quot;src&quot;:&quot;https:\\\/\\\/www.garciafaura.com\\\/wp-content\\\/uploads\\\/2018\\\/11\\\/Rehabilitacio\\u0301-espai-Alchemika-04.jpg&quot;,&quot;title&quot;:&quot;Cerramientos de nuevos equipamientos p\\u00fablicos donde antes hab\\u00eda una f\\u00e1brica&quot;},{&quot;src&quot;:&quot;https:\\\/\\\/www.garciafaura.com\\\/wp-content\\\/uploads\\\/2018\\\/11\\\/Rehabilitacio\\u0301-espai-Alchemika-03.jpg&quot;,&quot;title&quot;:&quot;Cerramientos de nuevos equipamientos p\\u00fablicos donde antes hab\\u00eda una f\\u00e1brica&quot;},{&quot;src&quot;:&quot;https:\\\/\\\/www.garciafaura.com\\\/wp-content\\\/uploads\\\/2018\\\/11\\\/Rehabilitacio\\u0301-espai-Alchemika-02.jpg&quot;,&quot;title&quot;:&quot;Cerramientos de nuevos equipamientos p\\u00fablicos donde antes hab\\u00eda una f\\u00e1brica&quot;}]\"><img loading=\"lazy\" decoding=\"async\" data-no-lazy=\"1\" class=\"portfolio-entry-img skip-lazy\" src=\"https:\/\/www.garciafaura.com\/wp-content\/uploads\/2018\/11\/Rehabilitacio\u0301-espai-Alchemika-10-600x314.jpg\" alt=\"Cerramientos De Nuevos Equipamientos P\u00fablicos Donde Antes Hab\u00eda Una F\u00e1brica\" data-no-retina width=\"600\" height=\"314\" \/><\/a><\/div><div class=\"portfolio-entry-details entry-details wpex-clr\"><h2 class=\"portfolio-entry-title entry-title\"><a href=\"https:\/\/www.garciafaura.com\/es\/portfolio-item\/rehabilitacion-espacio-alchemika\/\" title=\"Rehabilitaci\u00f3n Espacio Alchemika\">Rehabilitaci\u00f3n Espacio Alchemika<\/a><\/h2><div class=\"portfolio-entry-categories entry-categories wpex-clr\"><a href=\"https:\/\/www.garciafaura.com\/es\/portfolio-category\/edificios-de-servicios\/\" class=\"term-49\">Edificios de Servicios<\/a><\/div><\/div><\/div><\/div><div class=\"portfolio-entry vcex-grid-item entry-has-details span_1_of_3 col col-3 vcex-isotope-entry vcex-no-margin-entry post-18056 entry type-portfolio has-media cat-46 cat-49 translation_priority-6\"><div class=\"portfolio-entry-inner entry-inner wpex-clr\"><div class=\"portfolio-entry-media entry-media wpex-clr\"><a href=\"https:\/\/www.garciafaura.com\/wp-content\/uploads\/2018\/11\/Promocio\u0301-Andrea-Doria-01.jpg\" title=\"Promoci\u00f3n Andrea Doria\" class=\"portfolio-entry-media-link wpex-lightbox-gallery\" data-gallery=\"[{&quot;src&quot;:&quot;https:\\\/\\\/www.garciafaura.com\\\/wp-content\\\/uploads\\\/2018\\\/11\\\/Promocio\\u0301-Andrea-Doria-01.jpg&quot;,&quot;title&quot;:&quot;Cerramientos de 30 viviendas, locales y guarder\\u00eda La Barceloneta, a Barcelona&quot;},{&quot;src&quot;:&quot;https:\\\/\\\/www.garciafaura.com\\\/wp-content\\\/uploads\\\/2018\\\/11\\\/Promocio\\u0301-Andrea-Doria-12.jpg&quot;,&quot;title&quot;:&quot;Cerramientos de 30 viviendas, locales y guarder\\u00eda La Barceloneta, a Barcelona&quot;},{&quot;src&quot;:&quot;https:\\\/\\\/www.garciafaura.com\\\/wp-content\\\/uploads\\\/2018\\\/11\\\/Promocio\\u0301-Andrea-Doria-11.jpg&quot;,&quot;title&quot;:&quot;Cerramientos de 30 viviendas, locales y guarder\\u00eda La Barceloneta, a Barcelona&quot;},{&quot;src&quot;:&quot;https:\\\/\\\/www.garciafaura.com\\\/wp-content\\\/uploads\\\/2018\\\/11\\\/Promocio\\u0301-Andrea-Doria-10.jpg&quot;,&quot;title&quot;:&quot;Cerramientos de 30 viviendas, locales y guarder\\u00eda La Barceloneta, a Barcelona&quot;},{&quot;src&quot;:&quot;https:\\\/\\\/www.garciafaura.com\\\/wp-content\\\/uploads\\\/2018\\\/11\\\/Promocio\\u0301-Andrea-Doria-09.jpg&quot;,&quot;title&quot;:&quot;Cerramientos de 30 viviendas, locales y guarder\\u00eda La Barceloneta, a Barcelona&quot;},{&quot;src&quot;:&quot;https:\\\/\\\/www.garciafaura.com\\\/wp-content\\\/uploads\\\/2018\\\/11\\\/Promocio\\u0301-Andrea-Doria-08.jpg&quot;,&quot;title&quot;:&quot;Cerramientos de 30 viviendas, locales y guarder\\u00eda La Barceloneta, a Barcelona&quot;},{&quot;src&quot;:&quot;https:\\\/\\\/www.garciafaura.com\\\/wp-content\\\/uploads\\\/2018\\\/11\\\/Promocio\\u0301-Andrea-Doria-07.jpg&quot;,&quot;title&quot;:&quot;Cerramientos de 30 viviendas, locales y guarder\\u00eda La Barceloneta, a Barcelona&quot;},{&quot;src&quot;:&quot;https:\\\/\\\/www.garciafaura.com\\\/wp-content\\\/uploads\\\/2018\\\/11\\\/Promocio\\u0301-Andrea-Doria-06.jpg&quot;,&quot;title&quot;:&quot;Cerramientos de 30 viviendas, locales y guarder\\u00eda La Barceloneta, a Barcelona&quot;},{&quot;src&quot;:&quot;https:\\\/\\\/www.garciafaura.com\\\/wp-content\\\/uploads\\\/2018\\\/11\\\/Promocio\\u0301-Andrea-Doria-05.jpg&quot;,&quot;title&quot;:&quot;Cerramientos de 30 viviendas, locales y guarder\\u00eda La Barceloneta, a Barcelona&quot;},{&quot;src&quot;:&quot;https:\\\/\\\/www.garciafaura.com\\\/wp-content\\\/uploads\\\/2018\\\/11\\\/Promocio\\u0301-Andrea-Doria-04.jpg&quot;,&quot;title&quot;:&quot;Cerramientos de 30 viviendas, locales y guarder\\u00eda La Barceloneta, a Barcelona&quot;},{&quot;src&quot;:&quot;https:\\\/\\\/www.garciafaura.com\\\/wp-content\\\/uploads\\\/2018\\\/11\\\/Promocio\\u0301-Andrea-Doria-03.jpg&quot;,&quot;title&quot;:&quot;Cerramientos de 30 viviendas, locales y guarder\\u00eda La Barceloneta, a Barcelona&quot;},{&quot;src&quot;:&quot;https:\\\/\\\/www.garciafaura.com\\\/wp-content\\\/uploads\\\/2018\\\/11\\\/Promocio\\u0301-Andrea-Doria-02.jpg&quot;,&quot;title&quot;:&quot;Cerramientos de 30 viviendas, locales y guarder\\u00eda La Barceloneta, a Barcelona&quot;}]\"><img loading=\"lazy\" decoding=\"async\" data-no-lazy=\"1\" class=\"portfolio-entry-img skip-lazy\" src=\"https:\/\/www.garciafaura.com\/wp-content\/uploads\/2018\/11\/Promocio\u0301-Andrea-Doria-01-600x314.jpg\" alt=\"Cerramientos De 30 Viviendas, Locales Y Guarder\u00eda La Barceloneta, A Barcelona\" data-no-retina width=\"600\" height=\"314\" \/><\/a><\/div><div class=\"portfolio-entry-details entry-details wpex-clr\"><h2 class=\"portfolio-entry-title entry-title\"><a href=\"https:\/\/www.garciafaura.com\/es\/portfolio-item\/promocion-andrea-doria\/\" title=\"Promoci\u00f3n Andrea Doria\">Promoci\u00f3n Andrea Doria<\/a><\/h2><div class=\"portfolio-entry-categories entry-categories wpex-clr\"><a href=\"https:\/\/www.garciafaura.com\/es\/portfolio-category\/conjuntos-residenciales\/\" class=\"term-46\">Conjuntos residenciales<\/a><\/div><\/div><\/div><\/div><div class=\"portfolio-entry vcex-grid-item entry-has-details span_1_of_3 col col-1 vcex-isotope-entry vcex-no-margin-entry post-18049 entry type-portfolio has-media cat-49 translation_priority-6\"><div class=\"portfolio-entry-inner entry-inner wpex-clr\"><div class=\"portfolio-entry-media entry-media wpex-clr\"><a href=\"https:\/\/www.garciafaura.com\/wp-content\/uploads\/2018\/11\/Escola-Marta-Mata-01-3.jpg\" title=\"Escuela Marta Marta\" class=\"portfolio-entry-media-link wpex-lightbox-gallery\" data-gallery=\"[{&quot;src&quot;:&quot;https:\\\/\\\/www.garciafaura.com\\\/wp-content\\\/uploads\\\/2018\\\/11\\\/Escola-Marta-Mata-01-3.jpg&quot;,&quot;title&quot;:&quot;Fabricaci\\u00f3n e instalaci\\u00f3n de los cerramientos del nuevo centro educativo de Matar\\u00f3&quot;},{&quot;src&quot;:&quot;https:\\\/\\\/www.garciafaura.com\\\/wp-content\\\/uploads\\\/2018\\\/11\\\/Escola-Marta-Mata-12.jpg&quot;,&quot;title&quot;:&quot;Fabricaci\\u00f3n e instalaci\\u00f3n de los cerramientos del nuevo centro educativo de Matar\\u00f3&quot;},{&quot;src&quot;:&quot;https:\\\/\\\/www.garciafaura.com\\\/wp-content\\\/uploads\\\/2018\\\/11\\\/Escola-Marta-Mata-11.jpg&quot;,&quot;title&quot;:&quot;Fabricaci\\u00f3n e instalaci\\u00f3n de los cerramientos del nuevo centro educativo de Matar\\u00f3&quot;},{&quot;src&quot;:&quot;https:\\\/\\\/www.garciafaura.com\\\/wp-content\\\/uploads\\\/2018\\\/11\\\/Escola-Marta-Mata-10.jpg&quot;,&quot;title&quot;:&quot;Fabricaci\\u00f3n e instalaci\\u00f3n de los cerramientos del nuevo centro educativo de Matar\\u00f3&quot;},{&quot;src&quot;:&quot;https:\\\/\\\/www.garciafaura.com\\\/wp-content\\\/uploads\\\/2018\\\/11\\\/Escola-Marta-Mata-09.jpg&quot;,&quot;title&quot;:&quot;Fabricaci\\u00f3n e instalaci\\u00f3n de los cerramientos del nuevo centro educativo de Matar\\u00f3&quot;},{&quot;src&quot;:&quot;https:\\\/\\\/www.garciafaura.com\\\/wp-content\\\/uploads\\\/2018\\\/11\\\/Escola-Marta-Mata-08.jpg&quot;,&quot;title&quot;:&quot;Fabricaci\\u00f3n e instalaci\\u00f3n de los cerramientos del nuevo centro educativo de Matar\\u00f3&quot;},{&quot;src&quot;:&quot;https:\\\/\\\/www.garciafaura.com\\\/wp-content\\\/uploads\\\/2018\\\/11\\\/Escola-Marta-Mata-07.jpg&quot;,&quot;title&quot;:&quot;Fabricaci\\u00f3n e instalaci\\u00f3n de los cerramientos del nuevo centro educativo de Matar\\u00f3&quot;},{&quot;src&quot;:&quot;https:\\\/\\\/www.garciafaura.com\\\/wp-content\\\/uploads\\\/2018\\\/11\\\/Escola-Marta-Mata-06.jpg&quot;,&quot;title&quot;:&quot;Fabricaci\\u00f3n e instalaci\\u00f3n de los cerramientos del nuevo centro educativo de Matar\\u00f3&quot;},{&quot;src&quot;:&quot;https:\\\/\\\/www.garciafaura.com\\\/wp-content\\\/uploads\\\/2018\\\/11\\\/Escola-Marta-Mata-05.jpg&quot;,&quot;title&quot;:&quot;Fabricaci\\u00f3n e instalaci\\u00f3n de los cerramientos del nuevo centro educativo de Matar\\u00f3&quot;},{&quot;src&quot;:&quot;https:\\\/\\\/www.garciafaura.com\\\/wp-content\\\/uploads\\\/2018\\\/11\\\/Escola-Marta-Mata-04.jpg&quot;,&quot;title&quot;:&quot;Fabricaci\\u00f3n e instalaci\\u00f3n de los cerramientos del nuevo centro educativo de Matar\\u00f3&quot;},{&quot;src&quot;:&quot;https:\\\/\\\/www.garciafaura.com\\\/wp-content\\\/uploads\\\/2018\\\/11\\\/Escola-Marta-Mata-03.jpg&quot;,&quot;title&quot;:&quot;Fabricaci\\u00f3n e instalaci\\u00f3n de los cerramientos del nuevo centro educativo de Matar\\u00f3&quot;},{&quot;src&quot;:&quot;https:\\\/\\\/www.garciafaura.com\\\/wp-content\\\/uploads\\\/2018\\\/11\\\/Escola-Marta-Mata-02.jpg&quot;,&quot;title&quot;:&quot;Fabricaci\\u00f3n e instalaci\\u00f3n de los cerramientos del nuevo centro educativo de Matar\\u00f3&quot;}]\"><img loading=\"lazy\" decoding=\"async\" data-no-lazy=\"1\" class=\"portfolio-entry-img skip-lazy\" src=\"https:\/\/www.garciafaura.com\/wp-content\/uploads\/2018\/11\/Escola-Marta-Mata-01-3-600x314.jpg\" alt=\"Fabricaci\u00f3n E Instalaci\u00f3n De Los Cerramientos Del Nuevo Centro Educativo De Matar\u00f3\" data-no-retina width=\"600\" height=\"314\" \/><\/a><\/div><div class=\"portfolio-entry-details entry-details wpex-clr\"><h2 class=\"portfolio-entry-title entry-title\"><a href=\"https:\/\/www.garciafaura.com\/es\/portfolio-item\/escuela-marta-marta\/\" title=\"Escuela Marta Marta\">Escuela Marta Marta<\/a><\/h2><div class=\"portfolio-entry-categories entry-categories wpex-clr\"><a href=\"https:\/\/www.garciafaura.com\/es\/portfolio-category\/edificios-de-servicios\/\" class=\"term-49\">Edificios de Servicios<\/a><\/div><\/div><\/div><\/div><div class=\"portfolio-entry vcex-grid-item entry-has-details span_1_of_3 col col-2 vcex-isotope-entry vcex-no-margin-entry post-18039 entry type-portfolio has-media cat-49 cat-118 cat-119 translation_priority-6\"><div class=\"portfolio-entry-inner entry-inner wpex-clr\"><div class=\"portfolio-entry-media entry-media wpex-clr\"><a href=\"https:\/\/www.garciafaura.com\/wp-content\/uploads\/2018\/11\/Poliesportiu-Les-Moreres-01.jpg\" title=\"Polideportivo Les Moreres\" class=\"portfolio-entry-media-link wpex-lightbox-gallery\" data-gallery=\"[{&quot;src&quot;:&quot;https:\\\/\\\/www.garciafaura.com\\\/wp-content\\\/uploads\\\/2018\\\/11\\\/Poliesportiu-Les-Moreres-01.jpg&quot;,&quot;title&quot;:&quot;Arquitectura en aluminio y vidrio del centro municipal de deportes de Esplugues de Llobregat&quot;},{&quot;src&quot;:&quot;https:\\\/\\\/www.garciafaura.com\\\/wp-content\\\/uploads\\\/2018\\\/11\\\/Poliesportiu-Les-Moreres-13.jpg&quot;,&quot;title&quot;:&quot;Arquitectura en aluminio y vidrio del centro municipal de deportes de Esplugues de Llobregat&quot;},{&quot;src&quot;:&quot;https:\\\/\\\/www.garciafaura.com\\\/wp-content\\\/uploads\\\/2018\\\/11\\\/Poliesportiu-Les-Moreres-12.jpg&quot;,&quot;title&quot;:&quot;Arquitectura en aluminio y vidrio del centro municipal de deportes de Esplugues de Llobregat&quot;},{&quot;src&quot;:&quot;https:\\\/\\\/www.garciafaura.com\\\/wp-content\\\/uploads\\\/2018\\\/11\\\/Poliesportiu-Les-Moreres-11.jpg&quot;,&quot;title&quot;:&quot;Arquitectura en aluminio y vidrio del centro municipal de deportes de Esplugues de Llobregat&quot;},{&quot;src&quot;:&quot;https:\\\/\\\/www.garciafaura.com\\\/wp-content\\\/uploads\\\/2018\\\/11\\\/Poliesportiu-Les-Moreres-10.jpg&quot;,&quot;title&quot;:&quot;Arquitectura en aluminio y vidrio del centro municipal de deportes de Esplugues de Llobregat&quot;},{&quot;src&quot;:&quot;https:\\\/\\\/www.garciafaura.com\\\/wp-content\\\/uploads\\\/2018\\\/11\\\/Poliesportiu-Les-Moreres-09.jpg&quot;,&quot;title&quot;:&quot;Arquitectura en aluminio y vidrio del centro municipal de deportes de Esplugues de Llobregat&quot;},{&quot;src&quot;:&quot;https:\\\/\\\/www.garciafaura.com\\\/wp-content\\\/uploads\\\/2018\\\/11\\\/Poliesportiu-Les-Moreres-08.jpg&quot;,&quot;title&quot;:&quot;Arquitectura en aluminio y vidrio del centro municipal de deportes de Esplugues de Llobregat&quot;},{&quot;src&quot;:&quot;https:\\\/\\\/www.garciafaura.com\\\/wp-content\\\/uploads\\\/2018\\\/11\\\/Poliesportiu-Les-Moreres-07.jpg&quot;,&quot;title&quot;:&quot;Arquitectura en aluminio y vidrio del centro municipal de deportes de Esplugues de Llobregat&quot;},{&quot;src&quot;:&quot;https:\\\/\\\/www.garciafaura.com\\\/wp-content\\\/uploads\\\/2018\\\/11\\\/Poliesportiu-Les-Moreres-06.jpg&quot;,&quot;title&quot;:&quot;Arquitectura en aluminio y vidrio del centro municipal de deportes de Esplugues de Llobregat&quot;},{&quot;src&quot;:&quot;https:\\\/\\\/www.garciafaura.com\\\/wp-content\\\/uploads\\\/2018\\\/11\\\/Poliesportiu-Les-Moreres-05.jpg&quot;,&quot;title&quot;:&quot;Arquitectura en aluminio y vidrio del centro municipal de deportes de Esplugues de Llobregat&quot;},{&quot;src&quot;:&quot;https:\\\/\\\/www.garciafaura.com\\\/wp-content\\\/uploads\\\/2018\\\/11\\\/Poliesportiu-Les-Moreres-04.jpg&quot;,&quot;title&quot;:&quot;Arquitectura en aluminio y vidrio del centro municipal de deportes de Esplugues de Llobregat&quot;},{&quot;src&quot;:&quot;https:\\\/\\\/www.garciafaura.com\\\/wp-content\\\/uploads\\\/2018\\\/11\\\/Poliesportiu-Les-Moreres-03.jpg&quot;,&quot;title&quot;:&quot;Arquitectura en aluminio y vidrio del centro municipal de deportes de Esplugues de Llobregat&quot;},{&quot;src&quot;:&quot;https:\\\/\\\/www.garciafaura.com\\\/wp-content\\\/uploads\\\/2018\\\/11\\\/Poliesportiu-Les-Moreres-02.jpg&quot;,&quot;title&quot;:&quot;Arquitectura en aluminio y vidrio del centro municipal de deportes de Esplugues de Llobregat&quot;}]\"><img loading=\"lazy\" decoding=\"async\" data-no-lazy=\"1\" class=\"portfolio-entry-img skip-lazy\" src=\"https:\/\/www.garciafaura.com\/wp-content\/uploads\/2018\/11\/Poliesportiu-Les-Moreres-01-600x314.jpg\" alt=\"Arquitectura En Aluminio Y Vidrio Del Centro Municipal De Deportes De Esplugues De Llobregat\" data-no-retina width=\"600\" height=\"314\" \/><\/a><\/div><div class=\"portfolio-entry-details entry-details wpex-clr\"><h2 class=\"portfolio-entry-title entry-title\"><a href=\"https:\/\/www.garciafaura.com\/es\/portfolio-item\/polideportivo-les-moreres\/\" title=\"Polideportivo Les Moreres\">Polideportivo Les Moreres<\/a><\/h2><div class=\"portfolio-entry-categories entry-categories wpex-clr\"><a href=\"https:\/\/www.garciafaura.com\/es\/portfolio-category\/edificios-de-servicios\/\" class=\"term-49\">Edificios de Servicios<\/a><\/div><\/div><\/div><\/div><div class=\"portfolio-entry vcex-grid-item entry-has-details span_1_of_3 col col-3 vcex-isotope-entry vcex-no-margin-entry post-18033 entry type-portfolio has-media cat-49 translation_priority-6\"><div class=\"portfolio-entry-inner entry-inner wpex-clr\"><div class=\"portfolio-entry-media entry-media wpex-clr\"><a href=\"https:\/\/www.garciafaura.com\/wp-content\/uploads\/2018\/11\/Ecoparc-Can-Mata-01.jpg\" title=\"Ecoparc Can Mata\" class=\"portfolio-entry-media-link wpex-lightbox-gallery\" data-gallery=\"[{&quot;src&quot;:&quot;https:\\\/\\\/www.garciafaura.com\\\/wp-content\\\/uploads\\\/2018\\\/11\\\/Ecoparc-Can-Mata-01.jpg&quot;,&quot;title&quot;:&quot;Instalaciones industriales de tratamiento de residuos metropolitanos&quot;},{&quot;src&quot;:&quot;https:\\\/\\\/www.garciafaura.com\\\/wp-content\\\/uploads\\\/2018\\\/11\\\/Ecoparc-Can-Mata-13.jpg&quot;,&quot;title&quot;:&quot;Instalaciones industriales de tratamiento de residuos metropolitanos&quot;},{&quot;src&quot;:&quot;https:\\\/\\\/www.garciafaura.com\\\/wp-content\\\/uploads\\\/2018\\\/11\\\/Ecoparc-Can-Mata-12.jpg&quot;,&quot;title&quot;:&quot;Instalaciones industriales de tratamiento de residuos metropolitanos&quot;},{&quot;src&quot;:&quot;https:\\\/\\\/www.garciafaura.com\\\/wp-content\\\/uploads\\\/2018\\\/11\\\/Ecoparc-Can-Mata-11.jpg&quot;,&quot;title&quot;:&quot;Instalaciones industriales de tratamiento de residuos metropolitanos&quot;},{&quot;src&quot;:&quot;https:\\\/\\\/www.garciafaura.com\\\/wp-content\\\/uploads\\\/2018\\\/11\\\/Ecoparc-Can-Mata-10.jpg&quot;,&quot;title&quot;:&quot;Instalaciones industriales de tratamiento de residuos metropolitanos&quot;},{&quot;src&quot;:&quot;https:\\\/\\\/www.garciafaura.com\\\/wp-content\\\/uploads\\\/2018\\\/11\\\/Ecoparc-Can-Mata-09.jpg&quot;,&quot;title&quot;:&quot;Instalaciones industriales de tratamiento de residuos metropolitanos&quot;},{&quot;src&quot;:&quot;https:\\\/\\\/www.garciafaura.com\\\/wp-content\\\/uploads\\\/2018\\\/11\\\/Ecoparc-Can-Mata-08.jpg&quot;,&quot;title&quot;:&quot;Instalaciones industriales de tratamiento de residuos metropolitanos&quot;},{&quot;src&quot;:&quot;https:\\\/\\\/www.garciafaura.com\\\/wp-content\\\/uploads\\\/2018\\\/11\\\/Ecoparc-Can-Mata-07.jpg&quot;,&quot;title&quot;:&quot;Instalaciones industriales de tratamiento de residuos metropolitanos&quot;},{&quot;src&quot;:&quot;https:\\\/\\\/www.garciafaura.com\\\/wp-content\\\/uploads\\\/2018\\\/11\\\/Ecoparc-Can-Mata-06.jpg&quot;,&quot;title&quot;:&quot;Instalaciones industriales de tratamiento de residuos metropolitanos&quot;},{&quot;src&quot;:&quot;https:\\\/\\\/www.garciafaura.com\\\/wp-content\\\/uploads\\\/2018\\\/11\\\/Ecoparc-Can-Mata-05.jpg&quot;,&quot;title&quot;:&quot;Instalaciones industriales de tratamiento de residuos metropolitanos&quot;},{&quot;src&quot;:&quot;https:\\\/\\\/www.garciafaura.com\\\/wp-content\\\/uploads\\\/2018\\\/11\\\/Ecoparc-Can-Mata-04.jpg&quot;,&quot;title&quot;:&quot;Instalaciones industriales de tratamiento de residuos metropolitanos&quot;},{&quot;src&quot;:&quot;https:\\\/\\\/www.garciafaura.com\\\/wp-content\\\/uploads\\\/2018\\\/11\\\/Ecoparc-Can-Mata-03.jpg&quot;,&quot;title&quot;:&quot;Instalaciones industriales de tratamiento de residuos metropolitanos&quot;},{&quot;src&quot;:&quot;https:\\\/\\\/www.garciafaura.com\\\/wp-content\\\/uploads\\\/2018\\\/11\\\/Ecoparc-Can-Mata-02.jpg&quot;,&quot;title&quot;:&quot;Instalaciones industriales de tratamiento de residuos metropolitanos&quot;}]\"><img loading=\"lazy\" decoding=\"async\" data-no-lazy=\"1\" class=\"portfolio-entry-img skip-lazy\" src=\"https:\/\/www.garciafaura.com\/wp-content\/uploads\/2018\/11\/Ecoparc-Can-Mata-01-600x314.jpg\" alt=\"Instalaciones Industriales De Tratamiento De Residuos Metropolitanos\" data-no-retina width=\"600\" height=\"314\" \/><\/a><\/div><div class=\"portfolio-entry-details entry-details wpex-clr\"><h2 class=\"portfolio-entry-title entry-title\"><a href=\"https:\/\/www.garciafaura.com\/es\/portfolio-item\/ecoparc-can-mata\/\" title=\"Ecoparc Can Mata\">Ecoparc Can Mata<\/a><\/h2><div class=\"portfolio-entry-categories entry-categories wpex-clr\"><a href=\"https:\/\/www.garciafaura.com\/es\/portfolio-category\/edificios-de-servicios\/\" class=\"term-49\">Edificios de Servicios<\/a><\/div><\/div><\/div><\/div><div class=\"portfolio-entry vcex-grid-item entry-has-details span_1_of_3 col col-1 vcex-isotope-entry vcex-no-margin-entry post-18030 entry type-portfolio has-media cat-49 cat-50 cat-51 cat-52 translation_priority-6\"><div class=\"portfolio-entry-inner entry-inner wpex-clr\"><div class=\"portfolio-entry-media entry-media wpex-clr\"><a href=\"https:\/\/www.garciafaura.com\/wp-content\/uploads\/2018\/11\/Centre-Tecnolo\u0300gic-Manresa-19.jpg\" title=\"CTM Centro Tecnol\u00f3gico de Manresa\" class=\"portfolio-entry-media-link wpex-lightbox-gallery\" data-gallery=\"[{&quot;src&quot;:&quot;https:\\\/\\\/www.garciafaura.com\\\/wp-content\\\/uploads\\\/2018\\\/11\\\/Centre-Tecnolo\\u0300gic-Manresa-01.jpg&quot;,&quot;title&quot;:&quot;Fabricaci\\u00f3n e instalaci\\u00f3n de cerramientos, muro cortina y revestimiento fachada&quot;},{&quot;src&quot;:&quot;https:\\\/\\\/www.garciafaura.com\\\/wp-content\\\/uploads\\\/2018\\\/11\\\/Centre-Tecnolo\\u0300gic-Manresa-19.jpg&quot;,&quot;title&quot;:&quot;Fabricaci\\u00f3n e instalaci\\u00f3n de cerramientos, muro cortina y revestimiento fachada&quot;},{&quot;src&quot;:&quot;https:\\\/\\\/www.garciafaura.com\\\/wp-content\\\/uploads\\\/2018\\\/11\\\/Centre-Tecnolo\\u0300gic-Manresa-18.jpg&quot;,&quot;title&quot;:&quot;Fabricaci\\u00f3n e instalaci\\u00f3n de cerramientos, muro cortina y revestimiento fachada&quot;},{&quot;src&quot;:&quot;https:\\\/\\\/www.garciafaura.com\\\/wp-content\\\/uploads\\\/2018\\\/11\\\/Centre-Tecnolo\\u0300gic-Manresa-17.jpg&quot;,&quot;title&quot;:&quot;Fabricaci\\u00f3n e instalaci\\u00f3n de cerramientos, muro cortina y revestimiento fachada&quot;},{&quot;src&quot;:&quot;https:\\\/\\\/www.garciafaura.com\\\/wp-content\\\/uploads\\\/2018\\\/11\\\/Centre-Tecnolo\\u0300gic-Manresa-16.jpg&quot;,&quot;title&quot;:&quot;Fabricaci\\u00f3n e instalaci\\u00f3n de cerramientos, muro cortina y revestimiento fachada&quot;},{&quot;src&quot;:&quot;https:\\\/\\\/www.garciafaura.com\\\/wp-content\\\/uploads\\\/2018\\\/11\\\/Centre-Tecnolo\\u0300gic-Manresa-15.jpg&quot;,&quot;title&quot;:&quot;Fabricaci\\u00f3n e instalaci\\u00f3n de cerramientos, muro cortina y revestimiento fachada&quot;},{&quot;src&quot;:&quot;https:\\\/\\\/www.garciafaura.com\\\/wp-content\\\/uploads\\\/2018\\\/11\\\/Centre-Tecnolo\\u0300gic-Manresa-14.jpg&quot;,&quot;title&quot;:&quot;Fabricaci\\u00f3n e instalaci\\u00f3n de cerramientos, muro cortina y revestimiento fachada&quot;},{&quot;src&quot;:&quot;https:\\\/\\\/www.garciafaura.com\\\/wp-content\\\/uploads\\\/2018\\\/11\\\/Centre-Tecnolo\\u0300gic-Manresa-13.jpg&quot;,&quot;title&quot;:&quot;Fabricaci\\u00f3n e instalaci\\u00f3n de cerramientos, muro cortina y revestimiento fachada&quot;},{&quot;src&quot;:&quot;https:\\\/\\\/www.garciafaura.com\\\/wp-content\\\/uploads\\\/2018\\\/11\\\/Centre-Tecnolo\\u0300gic-Manresa-12.jpg&quot;,&quot;title&quot;:&quot;Fabricaci\\u00f3n e instalaci\\u00f3n de cerramientos, muro cortina y revestimiento fachada&quot;},{&quot;src&quot;:&quot;https:\\\/\\\/www.garciafaura.com\\\/wp-content\\\/uploads\\\/2018\\\/11\\\/Centre-Tecnolo\\u0300gic-Manresa-11.jpg&quot;,&quot;title&quot;:&quot;Fabricaci\\u00f3n e instalaci\\u00f3n de cerramientos, muro cortina y revestimiento fachada&quot;},{&quot;src&quot;:&quot;https:\\\/\\\/www.garciafaura.com\\\/wp-content\\\/uploads\\\/2018\\\/11\\\/Centre-Tecnolo\\u0300gic-Manresa-10.jpg&quot;,&quot;title&quot;:&quot;Fabricaci\\u00f3n e instalaci\\u00f3n de cerramientos, muro cortina y revestimiento fachada&quot;},{&quot;src&quot;:&quot;https:\\\/\\\/www.garciafaura.com\\\/wp-content\\\/uploads\\\/2018\\\/11\\\/Centre-Tecnolo\\u0300gic-Manresa-09.jpg&quot;,&quot;title&quot;:&quot;Fabricaci\\u00f3n e instalaci\\u00f3n de cerramientos, muro cortina y revestimiento fachada&quot;},{&quot;src&quot;:&quot;https:\\\/\\\/www.garciafaura.com\\\/wp-content\\\/uploads\\\/2018\\\/11\\\/Centre-Tecnolo\\u0300gic-Manresa-08.jpg&quot;,&quot;title&quot;:&quot;Fabricaci\\u00f3n e instalaci\\u00f3n de cerramientos, muro cortina y revestimiento fachada&quot;},{&quot;src&quot;:&quot;https:\\\/\\\/www.garciafaura.com\\\/wp-content\\\/uploads\\\/2018\\\/11\\\/Centre-Tecnolo\\u0300gic-Manresa-07.jpg&quot;,&quot;title&quot;:&quot;Fabricaci\\u00f3n e instalaci\\u00f3n de cerramientos, muro cortina y revestimiento fachada&quot;},{&quot;src&quot;:&quot;https:\\\/\\\/www.garciafaura.com\\\/wp-content\\\/uploads\\\/2018\\\/11\\\/Centre-Tecnolo\\u0300gic-Manresa-06.jpg&quot;,&quot;title&quot;:&quot;Fabricaci\\u00f3n e instalaci\\u00f3n de cerramientos, muro cortina y revestimiento fachada&quot;},{&quot;src&quot;:&quot;https:\\\/\\\/www.garciafaura.com\\\/wp-content\\\/uploads\\\/2018\\\/11\\\/Centre-Tecnolo\\u0300gic-Manresa-05.jpg&quot;,&quot;title&quot;:&quot;Fabricaci\\u00f3n e instalaci\\u00f3n de cerramientos, muro cortina y revestimiento fachada&quot;},{&quot;src&quot;:&quot;https:\\\/\\\/www.garciafaura.com\\\/wp-content\\\/uploads\\\/2018\\\/11\\\/Centre-Tecnolo\\u0300gic-Manresa-04.jpg&quot;,&quot;title&quot;:&quot;Fabricaci\\u00f3n e instalaci\\u00f3n de cerramientos, muro cortina y revestimiento fachada&quot;},{&quot;src&quot;:&quot;https:\\\/\\\/www.garciafaura.com\\\/wp-content\\\/uploads\\\/2018\\\/11\\\/Centre-Tecnolo\\u0300gic-Manresa-03.jpg&quot;,&quot;title&quot;:&quot;Fabricaci\\u00f3n e instalaci\\u00f3n de cerramientos, muro cortina y revestimiento fachada&quot;},{&quot;src&quot;:&quot;https:\\\/\\\/www.garciafaura.com\\\/wp-content\\\/uploads\\\/2018\\\/11\\\/Centre-Tecnolo\\u0300gic-Manresa-02.jpg&quot;,&quot;title&quot;:&quot;Fabricaci\\u00f3n e instalaci\\u00f3n de cerramientos, muro cortina y revestimiento fachada&quot;}]\"><img loading=\"lazy\" decoding=\"async\" data-no-lazy=\"1\" class=\"portfolio-entry-img skip-lazy\" src=\"https:\/\/www.garciafaura.com\/wp-content\/uploads\/2018\/11\/Centre-Tecnolo\u0300gic-Manresa-19-600x314.jpg\" alt=\"Fabricaci\u00f3n E Instalaci\u00f3n De Cerramientos, Muro Cortina Y Revestimiento Fachada\" data-no-retina width=\"600\" height=\"314\" \/><\/a><\/div><div class=\"portfolio-entry-details entry-details wpex-clr\"><h2 class=\"portfolio-entry-title entry-title\"><a href=\"https:\/\/www.garciafaura.com\/es\/portfolio-item\/ctm-centro-tecnologico-de-manresa\/\" title=\"CTM Centro Tecnol\u00f3gico de Manresa\">CTM Centro Tecnol\u00f3gico de Manresa<\/a><\/h2><div class=\"portfolio-entry-categories entry-categories wpex-clr\"><a href=\"https:\/\/www.garciafaura.com\/es\/portfolio-category\/edificios-de-servicios\/\" class=\"term-49\">Edificios de Servicios<\/a><\/div><\/div><\/div><\/div><div class=\"portfolio-entry vcex-grid-item entry-has-details span_1_of_3 col col-2 vcex-isotope-entry vcex-no-margin-entry post-18026 entry type-portfolio has-media cat-49 cat-118 cat-119 translation_priority-6\"><div class=\"portfolio-entry-inner entry-inner wpex-clr\"><div class=\"portfolio-entry-media entry-media wpex-clr\"><a href=\"https:\/\/www.garciafaura.com\/wp-content\/uploads\/2018\/11\/Ampliacio\u0301-Hospital-Manresa-01.jpg\" title=\"Ampliaci\u00f3n Hospital Sant Joan de D\u00e9u\" class=\"portfolio-entry-media-link wpex-lightbox-gallery\" data-gallery=\"[{&quot;src&quot;:&quot;https:\\\/\\\/www.garciafaura.com\\\/wp-content\\\/uploads\\\/2018\\\/11\\\/Ampliacio\\u0301-Hospital-Manresa-02.jpg&quot;,&quot;title&quot;:&quot;Trabajos de ampliaci\\u00f3n del Hospital Sant Joan de D\\u00e9u de Manresa&quot;},{&quot;src&quot;:&quot;https:\\\/\\\/www.garciafaura.com\\\/wp-content\\\/uploads\\\/2018\\\/11\\\/Ampliacio\\u0301-Hospital-Manresa-13.jpg&quot;,&quot;title&quot;:&quot;Trabajos de ampliaci\\u00f3n del Hospital Sant Joan de D\\u00e9u de Manresa&quot;},{&quot;src&quot;:&quot;https:\\\/\\\/www.garciafaura.com\\\/wp-content\\\/uploads\\\/2018\\\/11\\\/Ampliacio\\u0301-Hospital-Manresa-12.jpg&quot;,&quot;title&quot;:&quot;Trabajos de ampliaci\\u00f3n del Hospital Sant Joan de D\\u00e9u de Manresa&quot;},{&quot;src&quot;:&quot;https:\\\/\\\/www.garciafaura.com\\\/wp-content\\\/uploads\\\/2018\\\/11\\\/Ampliacio\\u0301-Hospital-Manresa-11.jpg&quot;,&quot;title&quot;:&quot;Trabajos de ampliaci\\u00f3n del Hospital Sant Joan de D\\u00e9u de Manresa&quot;},{&quot;src&quot;:&quot;https:\\\/\\\/www.garciafaura.com\\\/wp-content\\\/uploads\\\/2018\\\/11\\\/Ampliacio\\u0301-Hospital-Manresa-10.jpg&quot;,&quot;title&quot;:&quot;Trabajos de ampliaci\\u00f3n del Hospital Sant Joan de D\\u00e9u de Manresa&quot;},{&quot;src&quot;:&quot;https:\\\/\\\/www.garciafaura.com\\\/wp-content\\\/uploads\\\/2018\\\/11\\\/Ampliacio\\u0301-Hospital-Manresa-09.jpg&quot;,&quot;title&quot;:&quot;Trabajos de ampliaci\\u00f3n del Hospital Sant Joan de D\\u00e9u de Manresa&quot;},{&quot;src&quot;:&quot;https:\\\/\\\/www.garciafaura.com\\\/wp-content\\\/uploads\\\/2018\\\/11\\\/Ampliacio\\u0301-Hospital-Manresa-08.jpg&quot;,&quot;title&quot;:&quot;Trabajos de ampliaci\\u00f3n del Hospital Sant Joan de D\\u00e9u de Manresa&quot;},{&quot;src&quot;:&quot;https:\\\/\\\/www.garciafaura.com\\\/wp-content\\\/uploads\\\/2018\\\/11\\\/Ampliacio\\u0301-Hospital-Manresa-07.jpg&quot;,&quot;title&quot;:&quot;Trabajos de ampliaci\\u00f3n del Hospital Sant Joan de D\\u00e9u de Manresa&quot;},{&quot;src&quot;:&quot;https:\\\/\\\/www.garciafaura.com\\\/wp-content\\\/uploads\\\/2018\\\/11\\\/Ampliacio\\u0301-Hospital-Manresa-06.jpg&quot;,&quot;title&quot;:&quot;Trabajos de ampliaci\\u00f3n del Hospital Sant Joan de D\\u00e9u de Manresa&quot;},{&quot;src&quot;:&quot;https:\\\/\\\/www.garciafaura.com\\\/wp-content\\\/uploads\\\/2018\\\/11\\\/Ampliacio\\u0301-Hospital-Manresa-05.jpg&quot;,&quot;title&quot;:&quot;Trabajos de ampliaci\\u00f3n del Hospital Sant Joan de D\\u00e9u de Manresa&quot;},{&quot;src&quot;:&quot;https:\\\/\\\/www.garciafaura.com\\\/wp-content\\\/uploads\\\/2018\\\/11\\\/Ampliacio\\u0301-Hospital-Manresa-04.jpg&quot;,&quot;title&quot;:&quot;Trabajos de ampliaci\\u00f3n del Hospital Sant Joan de D\\u00e9u de Manresa&quot;},{&quot;src&quot;:&quot;https:\\\/\\\/www.garciafaura.com\\\/wp-content\\\/uploads\\\/2018\\\/11\\\/Ampliacio\\u0301-Hospital-Manresa-03.jpg&quot;,&quot;title&quot;:&quot;Trabajos de ampliaci\\u00f3n del Hospital Sant Joan de D\\u00e9u de Manresa&quot;},{&quot;src&quot;:&quot;https:\\\/\\\/www.garciafaura.com\\\/wp-content\\\/uploads\\\/2018\\\/11\\\/Ampliacio\\u0301-Hospital-Manresa-01.jpg&quot;,&quot;title&quot;:&quot;Trabajos de ampliaci\\u00f3n del Hospital Sant Joan de D\\u00e9u de Manresa&quot;}]\"><img loading=\"lazy\" decoding=\"async\" data-no-lazy=\"1\" class=\"portfolio-entry-img skip-lazy\" src=\"https:\/\/www.garciafaura.com\/wp-content\/uploads\/2018\/11\/Ampliacio\u0301-Hospital-Manresa-01-600x314.jpg\" alt=\"Trabajos De Ampliaci\u00f3n Del Hospital Sant Joan De D\u00e9u De Manresa\" data-no-retina width=\"600\" height=\"314\" \/><\/a><\/div><div class=\"portfolio-entry-details entry-details wpex-clr\"><h2 class=\"portfolio-entry-title entry-title\"><a href=\"https:\/\/www.garciafaura.com\/es\/portfolio-item\/ampliacion-hospital-sant-joan-de-deu\/\" title=\"Ampliaci\u00f3n Hospital Sant Joan de D\u00e9u\">Ampliaci\u00f3n Hospital Sant Joan de D\u00e9u<\/a><\/h2><div class=\"portfolio-entry-categories entry-categories wpex-clr\"><a href=\"https:\/\/www.garciafaura.com\/es\/portfolio-category\/edificios-de-servicios\/\" class=\"term-49\">Edificios de Servicios<\/a><\/div><\/div><\/div><\/div><div class=\"portfolio-entry vcex-grid-item entry-has-details span_1_of_3 col col-3 vcex-isotope-entry vcex-no-margin-entry post-18017 entry type-portfolio has-media cat-49 translation_priority-6\"><div class=\"portfolio-entry-inner entry-inner wpex-clr\"><div class=\"portfolio-entry-media entry-media wpex-clr\"><a href=\"https:\/\/www.garciafaura.com\/wp-content\/uploads\/2018\/11\/Espai-Maragall-03.jpg\" title=\"Espacio Maragall\" class=\"portfolio-entry-media-link wpex-lightbox-gallery\" data-gallery=\"[{&quot;src&quot;:&quot;https:\\\/\\\/www.garciafaura.com\\\/wp-content\\\/uploads\\\/2018\\\/11\\\/Espai-Maragall-01.jpg&quot;,&quot;title&quot;:&quot;Cerramientos y claraboya de nuevo Espacio Maragall del Centro C\\u00edvico de Artes Esc\\u00e9nicas de Gav\\u00e0&quot;},{&quot;src&quot;:&quot;https:\\\/\\\/www.garciafaura.com\\\/wp-content\\\/uploads\\\/2018\\\/11\\\/Espai-Maragall-15.jpg&quot;,&quot;title&quot;:&quot;Cerramientos y claraboya de nuevo Espacio Maragall del Centro C\\u00edvico de Artes Esc\\u00e9nicas de Gav\\u00e0&quot;},{&quot;src&quot;:&quot;https:\\\/\\\/www.garciafaura.com\\\/wp-content\\\/uploads\\\/2018\\\/11\\\/Espai-Maragall-14.jpg&quot;,&quot;title&quot;:&quot;Cerramientos y claraboya de nuevo Espacio Maragall del Centro C\\u00edvico de Artes Esc\\u00e9nicas de Gav\\u00e0&quot;},{&quot;src&quot;:&quot;https:\\\/\\\/www.garciafaura.com\\\/wp-content\\\/uploads\\\/2018\\\/11\\\/Espai-Maragall-13.jpg&quot;,&quot;title&quot;:&quot;Cerramientos y claraboya de nuevo Espacio Maragall del Centro C\\u00edvico de Artes Esc\\u00e9nicas de Gav\\u00e0&quot;},{&quot;src&quot;:&quot;https:\\\/\\\/www.garciafaura.com\\\/wp-content\\\/uploads\\\/2018\\\/11\\\/Espai-Maragall-12.jpg&quot;,&quot;title&quot;:&quot;Cerramientos y claraboya de nuevo Espacio Maragall del Centro C\\u00edvico de Artes Esc\\u00e9nicas de Gav\\u00e0&quot;},{&quot;src&quot;:&quot;https:\\\/\\\/www.garciafaura.com\\\/wp-content\\\/uploads\\\/2018\\\/11\\\/Espai-Maragall-11.jpg&quot;,&quot;title&quot;:&quot;Cerramientos y claraboya de nuevo Espacio Maragall del Centro C\\u00edvico de Artes Esc\\u00e9nicas de Gav\\u00e0&quot;},{&quot;src&quot;:&quot;https:\\\/\\\/www.garciafaura.com\\\/wp-content\\\/uploads\\\/2018\\\/11\\\/Espai-Maragall-10.jpg&quot;,&quot;title&quot;:&quot;Cerramientos y claraboya de nuevo Espacio Maragall del Centro C\\u00edvico de Artes Esc\\u00e9nicas de Gav\\u00e0&quot;},{&quot;src&quot;:&quot;https:\\\/\\\/www.garciafaura.com\\\/wp-content\\\/uploads\\\/2018\\\/11\\\/Espai-Maragall-09.jpg&quot;,&quot;title&quot;:&quot;Cerramientos y claraboya de nuevo Espacio Maragall del Centro C\\u00edvico de Artes Esc\\u00e9nicas de Gav\\u00e0&quot;},{&quot;src&quot;:&quot;https:\\\/\\\/www.garciafaura.com\\\/wp-content\\\/uploads\\\/2018\\\/11\\\/Espai-Maragall-08.jpg&quot;,&quot;title&quot;:&quot;Cerramientos y claraboya de nuevo Espacio Maragall del Centro C\\u00edvico de Artes Esc\\u00e9nicas de Gav\\u00e0&quot;},{&quot;src&quot;:&quot;https:\\\/\\\/www.garciafaura.com\\\/wp-content\\\/uploads\\\/2018\\\/11\\\/Espai-Maragall-07.jpg&quot;,&quot;title&quot;:&quot;Cerramientos y claraboya de nuevo Espacio Maragall del Centro C\\u00edvico de Artes Esc\\u00e9nicas de Gav\\u00e0&quot;},{&quot;src&quot;:&quot;https:\\\/\\\/www.garciafaura.com\\\/wp-content\\\/uploads\\\/2018\\\/11\\\/Espai-Maragall-06.jpg&quot;,&quot;title&quot;:&quot;Cerramientos y claraboya de nuevo Espacio Maragall del Centro C\\u00edvico de Artes Esc\\u00e9nicas de Gav\\u00e0&quot;},{&quot;src&quot;:&quot;https:\\\/\\\/www.garciafaura.com\\\/wp-content\\\/uploads\\\/2018\\\/11\\\/Espai-Maragall-05.jpg&quot;,&quot;title&quot;:&quot;Cerramientos y claraboya de nuevo Espacio Maragall del Centro C\\u00edvico de Artes Esc\\u00e9nicas de Gav\\u00e0&quot;},{&quot;src&quot;:&quot;https:\\\/\\\/www.garciafaura.com\\\/wp-content\\\/uploads\\\/2018\\\/11\\\/Espai-Maragall-04.jpg&quot;,&quot;title&quot;:&quot;Cerramientos y claraboya de nuevo Espacio Maragall del Centro C\\u00edvico de Artes Esc\\u00e9nicas de Gav\\u00e0&quot;},{&quot;src&quot;:&quot;https:\\\/\\\/www.garciafaura.com\\\/wp-content\\\/uploads\\\/2018\\\/11\\\/Espai-Maragall-03.jpg&quot;,&quot;title&quot;:&quot;Cerramientos y claraboya de nuevo Espacio Maragall del Centro C\\u00edvico de Artes Esc\\u00e9nicas de Gav\\u00e0&quot;},{&quot;src&quot;:&quot;https:\\\/\\\/www.garciafaura.com\\\/wp-content\\\/uploads\\\/2018\\\/11\\\/Espai-Maragall-02.jpg&quot;,&quot;title&quot;:&quot;Cerramientos y claraboya de nuevo Espacio Maragall del Centro C\\u00edvico de Artes Esc\\u00e9nicas de Gav\\u00e0&quot;}]\"><img loading=\"lazy\" decoding=\"async\" data-no-lazy=\"1\" class=\"portfolio-entry-img skip-lazy\" src=\"https:\/\/www.garciafaura.com\/wp-content\/uploads\/2018\/11\/Espai-Maragall-03-600x314.jpg\" alt=\"Cerramientos Y Claraboya De Nuevo Espacio Maragall Del Centro C\u00edvico De Artes Esc\u00e9nicas De Gav\u00e0\" data-no-retina width=\"600\" height=\"314\" \/><\/a><\/div><div class=\"portfolio-entry-details entry-details wpex-clr\"><h2 class=\"portfolio-entry-title entry-title\"><a href=\"https:\/\/www.garciafaura.com\/es\/portfolio-item\/espacio-maragall\/\" title=\"Espacio Maragall\">Espacio Maragall<\/a><\/h2><div class=\"portfolio-entry-categories entry-categories wpex-clr\"><a href=\"https:\/\/www.garciafaura.com\/es\/portfolio-category\/edificios-de-servicios\/\" class=\"term-49\">Edificios de Servicios<\/a><\/div><\/div><\/div><\/div><div class=\"portfolio-entry vcex-grid-item entry-has-details span_1_of_3 col col-1 vcex-isotope-entry vcex-no-margin-entry post-18011 entry type-portfolio has-media cat-49 translation_priority-6\"><div class=\"portfolio-entry-inner entry-inner wpex-clr\"><div class=\"portfolio-entry-media entry-media wpex-clr\"><a href=\"https:\/\/www.garciafaura.com\/wp-content\/uploads\/2018\/11\/Terminal-Palacruceros-02.jpg\" title=\"Ampliaci\u00f3n Terminal D Puerto de Barcelona\" class=\"portfolio-entry-media-link wpex-lightbox-gallery\" data-gallery=\"[{&quot;src&quot;:&quot;https:\\\/\\\/www.garciafaura.com\\\/wp-content\\\/uploads\\\/2018\\\/11\\\/Terminal-Palacruceros-01.jpg&quot;,&quot;title&quot;:&quot;Aluminio, vidrio y chapados de la nueva terminal del Puerto de Barcelona&quot;},{&quot;src&quot;:&quot;https:\\\/\\\/www.garciafaura.com\\\/wp-content\\\/uploads\\\/2018\\\/11\\\/Terminal-Palacruceros-31.jpg&quot;,&quot;title&quot;:&quot;Aluminio, vidrio y chapados de la nueva terminal del Puerto de Barcelona&quot;},{&quot;src&quot;:&quot;https:\\\/\\\/www.garciafaura.com\\\/wp-content\\\/uploads\\\/2018\\\/11\\\/Terminal-Palacruceros-30.jpg&quot;,&quot;title&quot;:&quot;Aluminio, vidrio y chapados de la nueva terminal del Puerto de Barcelona&quot;},{&quot;src&quot;:&quot;https:\\\/\\\/www.garciafaura.com\\\/wp-content\\\/uploads\\\/2018\\\/11\\\/Terminal-Palacruceros-29.jpg&quot;,&quot;title&quot;:&quot;Aluminio, vidrio y chapados de la nueva terminal del Puerto de Barcelona&quot;},{&quot;src&quot;:&quot;https:\\\/\\\/www.garciafaura.com\\\/wp-content\\\/uploads\\\/2018\\\/11\\\/Terminal-Palacruceros-28.jpg&quot;,&quot;title&quot;:&quot;Aluminio, vidrio y chapados de la nueva terminal del Puerto de Barcelona&quot;},{&quot;src&quot;:&quot;https:\\\/\\\/www.garciafaura.com\\\/wp-content\\\/uploads\\\/2018\\\/11\\\/Terminal-Palacruceros-27.jpg&quot;,&quot;title&quot;:&quot;Aluminio, vidrio y chapados de la nueva terminal del Puerto de Barcelona&quot;},{&quot;src&quot;:&quot;https:\\\/\\\/www.garciafaura.com\\\/wp-content\\\/uploads\\\/2018\\\/11\\\/Terminal-Palacruceros-26.jpg&quot;,&quot;title&quot;:&quot;Aluminio, vidrio y chapados de la nueva terminal del Puerto de Barcelona&quot;},{&quot;src&quot;:&quot;https:\\\/\\\/www.garciafaura.com\\\/wp-content\\\/uploads\\\/2018\\\/11\\\/Terminal-Palacruceros-25.jpg&quot;,&quot;title&quot;:&quot;Aluminio, vidrio y chapados de la nueva terminal del Puerto de Barcelona&quot;},{&quot;src&quot;:&quot;https:\\\/\\\/www.garciafaura.com\\\/wp-content\\\/uploads\\\/2018\\\/11\\\/Terminal-Palacruceros-24.jpg&quot;,&quot;title&quot;:&quot;Aluminio, vidrio y chapados de la nueva terminal del Puerto de Barcelona&quot;},{&quot;src&quot;:&quot;https:\\\/\\\/www.garciafaura.com\\\/wp-content\\\/uploads\\\/2018\\\/11\\\/Terminal-Palacruceros-23.jpg&quot;,&quot;title&quot;:&quot;Aluminio, vidrio y chapados de la nueva terminal del Puerto de Barcelona&quot;},{&quot;src&quot;:&quot;https:\\\/\\\/www.garciafaura.com\\\/wp-content\\\/uploads\\\/2018\\\/11\\\/Terminal-Palacruceros-22.jpg&quot;,&quot;title&quot;:&quot;Aluminio, vidrio y chapados de la nueva terminal del Puerto de Barcelona&quot;},{&quot;src&quot;:&quot;https:\\\/\\\/www.garciafaura.com\\\/wp-content\\\/uploads\\\/2018\\\/11\\\/Terminal-Palacruceros-21.jpg&quot;,&quot;title&quot;:&quot;Aluminio, vidrio y chapados de la nueva terminal del Puerto de Barcelona&quot;},{&quot;src&quot;:&quot;https:\\\/\\\/www.garciafaura.com\\\/wp-content\\\/uploads\\\/2018\\\/11\\\/Terminal-Palacruceros-20.jpg&quot;,&quot;title&quot;:&quot;Aluminio, vidrio y chapados de la nueva terminal del Puerto de Barcelona&quot;},{&quot;src&quot;:&quot;https:\\\/\\\/www.garciafaura.com\\\/wp-content\\\/uploads\\\/2018\\\/11\\\/Terminal-Palacruceros-19.jpg&quot;,&quot;title&quot;:&quot;Aluminio, vidrio y chapados de la nueva terminal del Puerto de Barcelona&quot;},{&quot;src&quot;:&quot;https:\\\/\\\/www.garciafaura.com\\\/wp-content\\\/uploads\\\/2018\\\/11\\\/Terminal-Palacruceros-18.jpg&quot;,&quot;title&quot;:&quot;Aluminio, vidrio y chapados de la nueva terminal del Puerto de Barcelona&quot;},{&quot;src&quot;:&quot;https:\\\/\\\/www.garciafaura.com\\\/wp-content\\\/uploads\\\/2018\\\/11\\\/Terminal-Palacruceros-17.jpg&quot;,&quot;title&quot;:&quot;Aluminio, vidrio y chapados de la nueva terminal del Puerto de Barcelona&quot;},{&quot;src&quot;:&quot;https:\\\/\\\/www.garciafaura.com\\\/wp-content\\\/uploads\\\/2018\\\/11\\\/Terminal-Palacruceros-16.jpg&quot;,&quot;title&quot;:&quot;Aluminio, vidrio y chapados de la nueva terminal del Puerto de Barcelona&quot;},{&quot;src&quot;:&quot;https:\\\/\\\/www.garciafaura.com\\\/wp-content\\\/uploads\\\/2018\\\/11\\\/Terminal-Palacruceros-15.jpg&quot;,&quot;title&quot;:&quot;Aluminio, vidrio y chapados de la nueva terminal del Puerto de Barcelona&quot;},{&quot;src&quot;:&quot;https:\\\/\\\/www.garciafaura.com\\\/wp-content\\\/uploads\\\/2018\\\/11\\\/Terminal-Palacruceros-14.jpg&quot;,&quot;title&quot;:&quot;Aluminio, vidrio y chapados de la nueva terminal del Puerto de Barcelona&quot;},{&quot;src&quot;:&quot;https:\\\/\\\/www.garciafaura.com\\\/wp-content\\\/uploads\\\/2018\\\/11\\\/Terminal-Palacruceros-13.jpg&quot;,&quot;title&quot;:&quot;Aluminio, vidrio y chapados de la nueva terminal del Puerto de Barcelona&quot;},{&quot;src&quot;:&quot;https:\\\/\\\/www.garciafaura.com\\\/wp-content\\\/uploads\\\/2018\\\/11\\\/Terminal-Palacruceros-12.jpg&quot;,&quot;title&quot;:&quot;Aluminio, vidrio y chapados de la nueva terminal del Puerto de Barcelona&quot;},{&quot;src&quot;:&quot;https:\\\/\\\/www.garciafaura.com\\\/wp-content\\\/uploads\\\/2018\\\/11\\\/Terminal-Palacruceros-11.jpg&quot;,&quot;title&quot;:&quot;Aluminio, vidrio y chapados de la nueva terminal del Puerto de Barcelona&quot;},{&quot;src&quot;:&quot;https:\\\/\\\/www.garciafaura.com\\\/wp-content\\\/uploads\\\/2018\\\/11\\\/Terminal-Palacruceros-10.jpg&quot;,&quot;title&quot;:&quot;Aluminio, vidrio y chapados de la nueva terminal del Puerto de Barcelona&quot;},{&quot;src&quot;:&quot;https:\\\/\\\/www.garciafaura.com\\\/wp-content\\\/uploads\\\/2018\\\/11\\\/Terminal-Palacruceros-09.jpg&quot;,&quot;title&quot;:&quot;Aluminio, vidrio y chapados de la nueva terminal del Puerto de Barcelona&quot;},{&quot;src&quot;:&quot;https:\\\/\\\/www.garciafaura.com\\\/wp-content\\\/uploads\\\/2018\\\/11\\\/Terminal-Palacruceros-08.jpg&quot;,&quot;title&quot;:&quot;Aluminio, vidrio y chapados de la nueva terminal del Puerto de Barcelona&quot;},{&quot;src&quot;:&quot;https:\\\/\\\/www.garciafaura.com\\\/wp-content\\\/uploads\\\/2018\\\/11\\\/Terminal-Palacruceros-07.jpg&quot;,&quot;title&quot;:&quot;Aluminio, vidrio y chapados de la nueva terminal del Puerto de Barcelona&quot;},{&quot;src&quot;:&quot;https:\\\/\\\/www.garciafaura.com\\\/wp-content\\\/uploads\\\/2018\\\/11\\\/Terminal-Palacruceros-06.jpg&quot;,&quot;title&quot;:&quot;Aluminio, vidrio y chapados de la nueva terminal del Puerto de Barcelona&quot;},{&quot;src&quot;:&quot;https:\\\/\\\/www.garciafaura.com\\\/wp-content\\\/uploads\\\/2018\\\/11\\\/Terminal-Palacruceros-05.jpg&quot;,&quot;title&quot;:&quot;Aluminio, vidrio y chapados de la nueva terminal del Puerto de Barcelona&quot;},{&quot;src&quot;:&quot;https:\\\/\\\/www.garciafaura.com\\\/wp-content\\\/uploads\\\/2018\\\/11\\\/Terminal-Palacruceros-04.jpg&quot;,&quot;title&quot;:&quot;Aluminio, vidrio y chapados de la nueva terminal del Puerto de Barcelona&quot;},{&quot;src&quot;:&quot;https:\\\/\\\/www.garciafaura.com\\\/wp-content\\\/uploads\\\/2018\\\/11\\\/Terminal-Palacruceros-02.jpg&quot;,&quot;title&quot;:&quot;Aluminio, vidrio y chapados de la nueva terminal del Puerto de Barcelona&quot;},{&quot;src&quot;:&quot;https:\\\/\\\/www.garciafaura.com\\\/wp-content\\\/uploads\\\/2018\\\/11\\\/Terminal-Palacruceros-03.jpg&quot;,&quot;title&quot;:&quot;Aluminio, vidrio y chapados de la nueva terminal del Puerto de Barcelona&quot;}]\"><img loading=\"lazy\" decoding=\"async\" data-no-lazy=\"1\" class=\"portfolio-entry-img skip-lazy\" src=\"https:\/\/www.garciafaura.com\/wp-content\/uploads\/2018\/11\/Terminal-Palacruceros-02-600x314.jpg\" alt=\"Aluminio, Vidrio Y Chapados De La Nueva Terminal Del Puerto De Barcelona\" data-no-retina width=\"600\" height=\"314\" \/><\/a><\/div><div class=\"portfolio-entry-details entry-details wpex-clr\"><h2 class=\"portfolio-entry-title entry-title\"><a href=\"https:\/\/www.garciafaura.com\/es\/portfolio-item\/ampliacion-terminal-d-puerto-de-barcelona\/\" title=\"Ampliaci\u00f3n Terminal D Puerto de Barcelona\">Ampliaci\u00f3n Terminal D Puerto de Barcelona<\/a><\/h2><div class=\"portfolio-entry-categories entry-categories wpex-clr\"><a href=\"https:\/\/www.garciafaura.com\/es\/portfolio-category\/edificios-de-servicios\/\" class=\"term-49\">Edificios de Servicios<\/a><\/div><\/div><\/div><\/div><div class=\"portfolio-entry vcex-grid-item entry-has-details span_1_of_3 col col-2 vcex-isotope-entry vcex-no-margin-entry post-18008 entry type-portfolio has-media cat-49 translation_priority-6\"><div class=\"portfolio-entry-inner entry-inner wpex-clr\"><div class=\"portfolio-entry-media entry-media wpex-clr\"><a href=\"https:\/\/www.garciafaura.com\/wp-content\/uploads\/2018\/11\/Escola-Damia\u0300-Mateu-Llinars-del-Valle\u0300s-08.jpg\" title=\"Escuela Dami\u00e0 Mateu\" class=\"portfolio-entry-media-link wpex-lightbox-gallery\" data-gallery=\"[{&quot;src&quot;:&quot;https:\\\/\\\/www.garciafaura.com\\\/wp-content\\\/uploads\\\/2018\\\/11\\\/Escola-Damia\\u0300-Mateu-Llinars-del-Valle\\u0300s-02.jpg&quot;,&quot;title&quot;:&quot;Carpinter\\u00eda de aluminio en segunda fase de construcci\\u00f3n de escuela en Llinars del Vall\\u00e8s&quot;},{&quot;src&quot;:&quot;https:\\\/\\\/www.garciafaura.com\\\/wp-content\\\/uploads\\\/2018\\\/11\\\/Escola-Damia\\u0300-Mateu-Llinars-del-Valle\\u0300s-08.jpg&quot;,&quot;title&quot;:&quot;Carpinter\\u00eda de aluminio en segunda fase de construcci\\u00f3n de escuela en Llinars del Vall\\u00e8s&quot;},{&quot;src&quot;:&quot;https:\\\/\\\/www.garciafaura.com\\\/wp-content\\\/uploads\\\/2018\\\/11\\\/Escola-Damia\\u0300-Mateu-Llinars-del-Valle\\u0300s-07.jpg&quot;,&quot;title&quot;:&quot;Carpinter\\u00eda de aluminio en segunda fase de construcci\\u00f3n de escuela en Llinars del Vall\\u00e8s&quot;},{&quot;src&quot;:&quot;https:\\\/\\\/www.garciafaura.com\\\/wp-content\\\/uploads\\\/2018\\\/11\\\/Escola-Damia\\u0300-Mateu-Llinars-del-Valle\\u0300s-06.jpg&quot;,&quot;title&quot;:&quot;Carpinter\\u00eda de aluminio en segunda fase de construcci\\u00f3n de escuela en Llinars del Vall\\u00e8s&quot;},{&quot;src&quot;:&quot;https:\\\/\\\/www.garciafaura.com\\\/wp-content\\\/uploads\\\/2018\\\/11\\\/Escola-Damia\\u0300-Mateu-Llinars-del-Valle\\u0300s-05.jpg&quot;,&quot;title&quot;:&quot;Carpinter\\u00eda de aluminio en segunda fase de construcci\\u00f3n de escuela en Llinars del Vall\\u00e8s&quot;},{&quot;src&quot;:&quot;https:\\\/\\\/www.garciafaura.com\\\/wp-content\\\/uploads\\\/2018\\\/11\\\/Escola-Damia\\u0300-Mateu-Llinars-del-Valle\\u0300s-04.jpg&quot;,&quot;title&quot;:&quot;Carpinter\\u00eda de aluminio en segunda fase de construcci\\u00f3n de escuela en Llinars del Vall\\u00e8s&quot;},{&quot;src&quot;:&quot;https:\\\/\\\/www.garciafaura.com\\\/wp-content\\\/uploads\\\/2018\\\/11\\\/Escola-Damia\\u0300-Mateu-Llinars-del-Valle\\u0300s-03.jpg&quot;,&quot;title&quot;:&quot;Carpinter\\u00eda de aluminio en segunda fase de construcci\\u00f3n de escuela en Llinars del Vall\\u00e8s&quot;},{&quot;src&quot;:&quot;https:\\\/\\\/www.garciafaura.com\\\/wp-content\\\/uploads\\\/2018\\\/11\\\/Escola-Damia\\u0300-Mateu-Llinars-del-Valle\\u0300s-01.jpg&quot;,&quot;title&quot;:&quot;Carpinter\\u00eda de aluminio en segunda fase de construcci\\u00f3n de escuela en Llinars del Vall\\u00e8s&quot;}]\"><img loading=\"lazy\" decoding=\"async\" data-no-lazy=\"1\" class=\"portfolio-entry-img skip-lazy\" src=\"https:\/\/www.garciafaura.com\/wp-content\/uploads\/2018\/11\/Escola-Damia\u0300-Mateu-Llinars-del-Valle\u0300s-08-600x314.jpg\" alt=\"Carpinter\u00eda De Aluminio En Segunda Fase De Construcci\u00f3n De Escuela En Llinars Del Vall\u00e8s\" data-no-retina width=\"600\" height=\"314\" \/><\/a><\/div><div class=\"portfolio-entry-details entry-details wpex-clr\"><h2 class=\"portfolio-entry-title entry-title\"><a href=\"https:\/\/www.garciafaura.com\/es\/portfolio-item\/escuela-damia-mateu\/\" title=\"Escuela Dami\u00e0 Mateu\">Escuela Dami\u00e0 Mateu<\/a><\/h2><div class=\"portfolio-entry-categories entry-categories wpex-clr\"><a href=\"https:\/\/www.garciafaura.com\/es\/portfolio-category\/edificios-de-servicios\/\" class=\"term-49\">Edificios de Servicios<\/a><\/div><\/div><\/div><\/div><div class=\"portfolio-entry vcex-grid-item entry-has-details span_1_of_3 col col-3 vcex-isotope-entry vcex-no-margin-entry post-17996 entry type-portfolio has-media cat-49 cat-58 translation_priority-6\"><div class=\"portfolio-entry-inner entry-inner wpex-clr\"><div class=\"portfolio-entry-media entry-media wpex-clr\"><a href=\"https:\/\/www.garciafaura.com\/wp-content\/uploads\/2018\/11\/Escola-Enxaneta-Valls-01.jpg\" title=\"Escuela Enxaneta\" class=\"portfolio-entry-media-link wpex-lightbox-gallery\" data-gallery=\"[{&quot;src&quot;:&quot;https:\\\/\\\/www.garciafaura.com\\\/wp-content\\\/uploads\\\/2018\\\/11\\\/Escola-Enxaneta-Valls-01.jpg&quot;,&quot;title&quot;:&quot;Cerramientos en rehabilitaci\\u00f3n de convento del siglo XIX para acoger escuela p\\u00fablica en Valls Cerramientos en rehabilitaci\\u00f3n de convento del siglo XIX para acoger escuela p\\u00fablica en Valls&quot;}]\"><img decoding=\"async\" data-no-lazy=\"1\" class=\"portfolio-entry-img skip-lazy\" src=\"https:\/\/www.garciafaura.com\/wp-content\/uploads\/2018\/11\/Escola-Enxaneta-Valls-01-x.jpg\" alt=\"Cerramientos En Rehabilitaci\u00f3n De Convento Del Siglo XIX Para Acoger Escuela P\u00fablica En Valls Cerramientos En Rehabilitaci\u00f3n De Convento Del Siglo XIX Para Acoger Escuela P\u00fablica En Valls\" data-no-retina \/><\/a><\/div><div class=\"portfolio-entry-details entry-details wpex-clr\"><h2 class=\"portfolio-entry-title entry-title\"><a href=\"https:\/\/www.garciafaura.com\/es\/portfolio-item\/escuela-enxaneta\/\" title=\"Escuela Enxaneta\">Escuela Enxaneta<\/a><\/h2><div class=\"portfolio-entry-categories entry-categories wpex-clr\"><a href=\"https:\/\/www.garciafaura.com\/es\/portfolio-category\/edificios-de-servicios\/\" class=\"term-49\">Edificios de Servicios<\/a><\/div><\/div><\/div><\/div><div class=\"portfolio-entry vcex-grid-item entry-has-details span_1_of_3 col col-1 vcex-isotope-entry vcex-no-margin-entry post-17975 entry type-portfolio has-media cat-49 cat-58 translation_priority-6\"><div class=\"portfolio-entry-inner entry-inner wpex-clr\"><div class=\"portfolio-entry-media entry-media wpex-clr\"><a href=\"https:\/\/www.garciafaura.com\/wp-content\/uploads\/2018\/11\/Rehabilitacio\u0301-Cli\u0301nica-Suma-01.jpg\" title=\"Rehabilitaci\u00f3n Cl\u00ednica Sant Honorat\" class=\"portfolio-entry-media-link wpex-lightbox-gallery\" data-gallery=\"[{&quot;src&quot;:&quot;https:\\\/\\\/www.garciafaura.com\\\/wp-content\\\/uploads\\\/2018\\\/11\\\/Rehabilitacio\\u0301-Cli\\u0301nica-Suma-01.jpg&quot;,&quot;title&quot;:&quot;Rehabilitaci\\u00f3n de la antigua Cl\\u00ednica Sant Honorat de Barcelona&quot;},{&quot;src&quot;:&quot;https:\\\/\\\/www.garciafaura.com\\\/wp-content\\\/uploads\\\/2018\\\/11\\\/Rehabilitacio\\u0301-Cli\\u0301nica-Suma-07.jpg&quot;,&quot;title&quot;:&quot;Rehabilitaci\\u00f3n de la antigua Cl\\u00ednica Sant Honorat de Barcelona&quot;},{&quot;src&quot;:&quot;https:\\\/\\\/www.garciafaura.com\\\/wp-content\\\/uploads\\\/2018\\\/11\\\/Rehabilitacio\\u0301-Cli\\u0301nica-Suma-06.jpg&quot;,&quot;title&quot;:&quot;Rehabilitaci\\u00f3n de la antigua Cl\\u00ednica Sant Honorat de Barcelona&quot;},{&quot;src&quot;:&quot;https:\\\/\\\/www.garciafaura.com\\\/wp-content\\\/uploads\\\/2018\\\/11\\\/Rehabilitacio\\u0301-Cli\\u0301nica-Suma-05.jpg&quot;,&quot;title&quot;:&quot;Rehabilitaci\\u00f3n de la antigua Cl\\u00ednica Sant Honorat de Barcelona&quot;},{&quot;src&quot;:&quot;https:\\\/\\\/www.garciafaura.com\\\/wp-content\\\/uploads\\\/2018\\\/11\\\/Rehabilitacio\\u0301-Cli\\u0301nica-Suma-04.jpg&quot;,&quot;title&quot;:&quot;Rehabilitaci\\u00f3n de la antigua Cl\\u00ednica Sant Honorat de Barcelona&quot;},{&quot;src&quot;:&quot;https:\\\/\\\/www.garciafaura.com\\\/wp-content\\\/uploads\\\/2018\\\/11\\\/Rehabilitacio\\u0301-Cli\\u0301nica-Suma-03.jpg&quot;,&quot;title&quot;:&quot;Rehabilitaci\\u00f3n de la antigua Cl\\u00ednica Sant Honorat de Barcelona&quot;},{&quot;src&quot;:&quot;https:\\\/\\\/www.garciafaura.com\\\/wp-content\\\/uploads\\\/2018\\\/11\\\/Rehabilitacio\\u0301-Cli\\u0301nica-Suma-02.jpg&quot;,&quot;title&quot;:&quot;Rehabilitaci\\u00f3n de la antigua Cl\\u00ednica Sant Honorat de Barcelona&quot;}]\"><img loading=\"lazy\" decoding=\"async\" data-no-lazy=\"1\" class=\"portfolio-entry-img skip-lazy\" src=\"https:\/\/www.garciafaura.com\/wp-content\/uploads\/2018\/11\/Rehabilitacio\u0301-Cli\u0301nica-Suma-01-600x314.jpg\" alt=\"Rehabilitaci\u00f3n De La Antigua Cl\u00ednica Sant Honorat De Barcelona\" data-no-retina width=\"600\" height=\"314\" \/><\/a><\/div><div class=\"portfolio-entry-details entry-details wpex-clr\"><h2 class=\"portfolio-entry-title entry-title\"><a href=\"https:\/\/www.garciafaura.com\/es\/portfolio-item\/rehabilitacion-clinica-sant-honorat\/\" title=\"Rehabilitaci\u00f3n Cl\u00ednica Sant Honorat\">Rehabilitaci\u00f3n Cl\u00ednica Sant Honorat<\/a><\/h2><div class=\"portfolio-entry-categories entry-categories wpex-clr\"><a href=\"https:\/\/www.garciafaura.com\/es\/portfolio-category\/edificios-de-servicios\/\" class=\"term-49\">Edificios de Servicios<\/a><\/div><\/div><\/div><\/div><div class=\"portfolio-entry vcex-grid-item entry-has-details span_1_of_3 col col-2 vcex-isotope-entry vcex-no-margin-entry post-17950 entry type-portfolio has-media cat-49 cat-50 translation_priority-6\"><div class=\"portfolio-entry-inner entry-inner wpex-clr\"><div class=\"portfolio-entry-media entry-media wpex-clr\"><a href=\"https:\/\/www.garciafaura.com\/wp-content\/uploads\/2018\/11\/Institut-Sant-Vicenc\u0327-Montalt-12.jpg\" title=\"Instituto Esteve Albert\" class=\"portfolio-entry-media-link wpex-lightbox-gallery\" data-gallery=\"[{&quot;src&quot;:&quot;https:\\\/\\\/www.garciafaura.com\\\/wp-content\\\/uploads\\\/2018\\\/11\\\/Institut-Sant-Vicenc\\u0327-Montalt-01.jpg&quot;,&quot;title&quot;:&quot;Cerramientos de aluminio del nuevo centro educativo de Sant Vicen\\u00e7 de Montalt&quot;},{&quot;src&quot;:&quot;https:\\\/\\\/www.garciafaura.com\\\/wp-content\\\/uploads\\\/2018\\\/11\\\/Institut-Sant-Vicenc\\u0327-Montalt-19.jpg&quot;,&quot;title&quot;:&quot;Cerramientos de aluminio del nuevo centro educativo de Sant Vicen\\u00e7 de Montalt&quot;},{&quot;src&quot;:&quot;https:\\\/\\\/www.garciafaura.com\\\/wp-content\\\/uploads\\\/2018\\\/11\\\/Institut-Sant-Vicenc\\u0327-Montalt-18.jpg&quot;,&quot;title&quot;:&quot;Cerramientos de aluminio del nuevo centro educativo de Sant Vicen\\u00e7 de Montalt&quot;},{&quot;src&quot;:&quot;https:\\\/\\\/www.garciafaura.com\\\/wp-content\\\/uploads\\\/2018\\\/11\\\/Institut-Sant-Vicenc\\u0327-Montalt-17.jpg&quot;,&quot;title&quot;:&quot;Cerramientos de aluminio del nuevo centro educativo de Sant Vicen\\u00e7 de Montalt&quot;},{&quot;src&quot;:&quot;https:\\\/\\\/www.garciafaura.com\\\/wp-content\\\/uploads\\\/2018\\\/11\\\/Institut-Sant-Vicenc\\u0327-Montalt-16.jpg&quot;,&quot;title&quot;:&quot;Cerramientos de aluminio del nuevo centro educativo de Sant Vicen\\u00e7 de Montalt&quot;},{&quot;src&quot;:&quot;https:\\\/\\\/www.garciafaura.com\\\/wp-content\\\/uploads\\\/2018\\\/11\\\/Institut-Sant-Vicenc\\u0327-Montalt-15.jpg&quot;,&quot;title&quot;:&quot;Cerramientos de aluminio del nuevo centro educativo de Sant Vicen\\u00e7 de Montalt&quot;},{&quot;src&quot;:&quot;https:\\\/\\\/www.garciafaura.com\\\/wp-content\\\/uploads\\\/2018\\\/11\\\/Institut-Sant-Vicenc\\u0327-Montalt-14.jpg&quot;,&quot;title&quot;:&quot;Cerramientos de aluminio del nuevo centro educativo de Sant Vicen\\u00e7 de Montalt&quot;},{&quot;src&quot;:&quot;https:\\\/\\\/www.garciafaura.com\\\/wp-content\\\/uploads\\\/2018\\\/11\\\/Institut-Sant-Vicenc\\u0327-Montalt-12.jpg&quot;,&quot;title&quot;:&quot;Cerramientos de aluminio del nuevo centro educativo de Sant Vicen\\u00e7 de Montalt&quot;},{&quot;src&quot;:&quot;https:\\\/\\\/www.garciafaura.com\\\/wp-content\\\/uploads\\\/2018\\\/11\\\/Institut-Sant-Vicenc\\u0327-Montalt-13.jpg&quot;,&quot;title&quot;:&quot;Cerramientos de aluminio del nuevo centro educativo de Sant Vicen\\u00e7 de Montalt&quot;},{&quot;src&quot;:&quot;https:\\\/\\\/www.garciafaura.com\\\/wp-content\\\/uploads\\\/2018\\\/11\\\/Institut-Sant-Vicenc\\u0327-Montalt-11.jpg&quot;,&quot;title&quot;:&quot;Cerramientos de aluminio del nuevo centro educativo de Sant Vicen\\u00e7 de Montalt&quot;},{&quot;src&quot;:&quot;https:\\\/\\\/www.garciafaura.com\\\/wp-content\\\/uploads\\\/2018\\\/11\\\/Institut-Sant-Vicenc\\u0327-Montalt-10.jpg&quot;,&quot;title&quot;:&quot;Cerramientos de aluminio del nuevo centro educativo de Sant Vicen\\u00e7 de Montalt&quot;},{&quot;src&quot;:&quot;https:\\\/\\\/www.garciafaura.com\\\/wp-content\\\/uploads\\\/2018\\\/11\\\/Institut-Sant-Vicenc\\u0327-Montalt-09.jpg&quot;,&quot;title&quot;:&quot;Cerramientos de aluminio del nuevo centro educativo de Sant Vicen\\u00e7 de Montalt&quot;},{&quot;src&quot;:&quot;https:\\\/\\\/www.garciafaura.com\\\/wp-content\\\/uploads\\\/2018\\\/11\\\/Institut-Sant-Vicenc\\u0327-Montalt-08.jpg&quot;,&quot;title&quot;:&quot;Cerramientos de aluminio del nuevo centro educativo de Sant Vicen\\u00e7 de Montalt&quot;},{&quot;src&quot;:&quot;https:\\\/\\\/www.garciafaura.com\\\/wp-content\\\/uploads\\\/2018\\\/11\\\/Institut-Sant-Vicenc\\u0327-Montalt-07.jpg&quot;,&quot;title&quot;:&quot;Cerramientos de aluminio del nuevo centro educativo de Sant Vicen\\u00e7 de Montalt&quot;},{&quot;src&quot;:&quot;https:\\\/\\\/www.garciafaura.com\\\/wp-content\\\/uploads\\\/2018\\\/11\\\/Institut-Sant-Vicenc\\u0327-Montalt-06.jpg&quot;,&quot;title&quot;:&quot;Cerramientos de aluminio del nuevo centro educativo de Sant Vicen\\u00e7 de Montalt&quot;},{&quot;src&quot;:&quot;https:\\\/\\\/www.garciafaura.com\\\/wp-content\\\/uploads\\\/2018\\\/11\\\/Institut-Sant-Vicenc\\u0327-Montalt-05.jpg&quot;,&quot;title&quot;:&quot;Cerramientos de aluminio del nuevo centro educativo de Sant Vicen\\u00e7 de Montalt&quot;},{&quot;src&quot;:&quot;https:\\\/\\\/www.garciafaura.com\\\/wp-content\\\/uploads\\\/2018\\\/11\\\/Institut-Sant-Vicenc\\u0327-Montalt-04.jpg&quot;,&quot;title&quot;:&quot;Cerramientos de aluminio del nuevo centro educativo de Sant Vicen\\u00e7 de Montalt&quot;},{&quot;src&quot;:&quot;https:\\\/\\\/www.garciafaura.com\\\/wp-content\\\/uploads\\\/2018\\\/11\\\/Institut-Sant-Vicenc\\u0327-Montalt-03.jpg&quot;,&quot;title&quot;:&quot;Cerramientos de aluminio del nuevo centro educativo de Sant Vicen\\u00e7 de Montalt&quot;},{&quot;src&quot;:&quot;https:\\\/\\\/www.garciafaura.com\\\/wp-content\\\/uploads\\\/2018\\\/11\\\/Institut-Sant-Vicenc\\u0327-Montalt-02.jpg&quot;,&quot;title&quot;:&quot;Cerramientos de aluminio del nuevo centro educativo de Sant Vicen\\u00e7 de Montalt&quot;}]\"><img loading=\"lazy\" decoding=\"async\" data-no-lazy=\"1\" class=\"portfolio-entry-img skip-lazy\" src=\"https:\/\/www.garciafaura.com\/wp-content\/uploads\/2018\/11\/Institut-Sant-Vicenc\u0327-Montalt-12-600x314.jpg\" alt=\"Cerramientos De Aluminio Del Nuevo Centro Educativo De Sant Vicen\u00e7 De Montalt\" data-no-retina width=\"600\" height=\"314\" \/><\/a><\/div><div class=\"portfolio-entry-details entry-details wpex-clr\"><h2 class=\"portfolio-entry-title entry-title\"><a href=\"https:\/\/www.garciafaura.com\/es\/portfolio-item\/instituto-esteve-albert\/\" title=\"Instituto Esteve Albert\">Instituto Esteve Albert<\/a><\/h2><div class=\"portfolio-entry-categories entry-categories wpex-clr\"><a href=\"https:\/\/www.garciafaura.com\/es\/portfolio-category\/edificios-de-servicios\/\" class=\"term-49\">Edificios de Servicios<\/a><\/div><\/div><\/div><\/div><div class=\"portfolio-entry vcex-grid-item entry-has-details span_1_of_3 col col-3 vcex-isotope-entry vcex-no-margin-entry post-17926 entry type-portfolio has-media cat-49 cat-50 cat-51 cat-52 cat-55 cat-56 translation_priority-6\"><div class=\"portfolio-entry-inner entry-inner wpex-clr\"><div class=\"portfolio-entry-media entry-media wpex-clr\"><a href=\"https:\/\/www.garciafaura.com\/wp-content\/uploads\/2018\/10\/Centro-Gestio\u0301n-Aeroportuaria-01.jpg\" title=\"Centro Gesti\u00f3n Aeroportuaria de Colombia\" class=\"portfolio-entry-media-link wpex-lightbox-gallery\" data-gallery=\"[{&quot;src&quot;:&quot;https:\\\/\\\/www.garciafaura.com\\\/wp-content\\\/uploads\\\/2018\\\/10\\\/Centro-Gestio\\u0301n-Aeroportuaria-01.jpg&quot;,&quot;title&quot;:&quot;Fachadas y cerramientos a la ampliaci\\u00f3n del Aeropuerto Internacional El Dorado&quot;},{&quot;src&quot;:&quot;https:\\\/\\\/www.garciafaura.com\\\/wp-content\\\/uploads\\\/2018\\\/10\\\/Centro-Gestio\\u0301n-Aeroportuaria-11.jpg&quot;,&quot;title&quot;:&quot;Fachadas y cerramientos a la ampliaci\\u00f3n del Aeropuerto Internacional El Dorado&quot;},{&quot;src&quot;:&quot;https:\\\/\\\/www.garciafaura.com\\\/wp-content\\\/uploads\\\/2018\\\/10\\\/Centro-Gestio\\u0301n-Aeroportuaria-10.jpg&quot;,&quot;title&quot;:&quot;Fachadas y cerramientos a la ampliaci\\u00f3n del Aeropuerto Internacional El Dorado&quot;},{&quot;src&quot;:&quot;https:\\\/\\\/www.garciafaura.com\\\/wp-content\\\/uploads\\\/2018\\\/10\\\/Centro-Gestio\\u0301n-Aeroportuaria-09.jpg&quot;,&quot;title&quot;:&quot;Fachadas y cerramientos a la ampliaci\\u00f3n del Aeropuerto Internacional El Dorado&quot;},{&quot;src&quot;:&quot;https:\\\/\\\/www.garciafaura.com\\\/wp-content\\\/uploads\\\/2018\\\/10\\\/Centro-Gestio\\u0301n-Aeroportuaria-08.jpg&quot;,&quot;title&quot;:&quot;Fachadas y cerramientos a la ampliaci\\u00f3n del Aeropuerto Internacional El Dorado&quot;},{&quot;src&quot;:&quot;https:\\\/\\\/www.garciafaura.com\\\/wp-content\\\/uploads\\\/2018\\\/10\\\/Centro-Gestio\\u0301n-Aeroportuaria-07.jpg&quot;,&quot;title&quot;:&quot;Fachadas y cerramientos a la ampliaci\\u00f3n del Aeropuerto Internacional El Dorado&quot;},{&quot;src&quot;:&quot;https:\\\/\\\/www.garciafaura.com\\\/wp-content\\\/uploads\\\/2018\\\/10\\\/Centro-Gestio\\u0301n-Aeroportuaria-06.jpg&quot;,&quot;title&quot;:&quot;Fachadas y cerramientos a la ampliaci\\u00f3n del Aeropuerto Internacional El Dorado&quot;},{&quot;src&quot;:&quot;https:\\\/\\\/www.garciafaura.com\\\/wp-content\\\/uploads\\\/2018\\\/10\\\/Centro-Gestio\\u0301n-Aeroportuaria-05.jpg&quot;,&quot;title&quot;:&quot;Fachadas y cerramientos a la ampliaci\\u00f3n del Aeropuerto Internacional El Dorado&quot;},{&quot;src&quot;:&quot;https:\\\/\\\/www.garciafaura.com\\\/wp-content\\\/uploads\\\/2018\\\/10\\\/Centro-Gestio\\u0301n-Aeroportuaria-04.jpg&quot;,&quot;title&quot;:&quot;Fachadas y cerramientos a la ampliaci\\u00f3n del Aeropuerto Internacional El Dorado&quot;},{&quot;src&quot;:&quot;https:\\\/\\\/www.garciafaura.com\\\/wp-content\\\/uploads\\\/2018\\\/10\\\/Centro-Gestio\\u0301n-Aeroportuaria-03.jpg&quot;,&quot;title&quot;:&quot;Fachadas y cerramientos a la ampliaci\\u00f3n del Aeropuerto Internacional El Dorado&quot;},{&quot;src&quot;:&quot;https:\\\/\\\/www.garciafaura.com\\\/wp-content\\\/uploads\\\/2018\\\/10\\\/Centro-Gestio\\u0301n-Aeroportuaria-02.jpg&quot;,&quot;title&quot;:&quot;Fachadas y cerramientos a la ampliaci\\u00f3n del Aeropuerto Internacional El Dorado&quot;}]\"><img loading=\"lazy\" decoding=\"async\" data-no-lazy=\"1\" class=\"portfolio-entry-img skip-lazy\" src=\"https:\/\/www.garciafaura.com\/wp-content\/uploads\/2018\/10\/Centro-Gestio\u0301n-Aeroportuaria-01-600x314.jpg\" alt=\"Fachadas Y Cerramientos A La Ampliaci\u00f3n Del Aeropuerto Internacional El Dorado\" data-no-retina width=\"600\" height=\"314\" \/><\/a><\/div><div class=\"portfolio-entry-details entry-details wpex-clr\"><h2 class=\"portfolio-entry-title entry-title\"><a href=\"https:\/\/www.garciafaura.com\/es\/portfolio-item\/centro-gestion-aeroportuaria-de-colombia\/\" title=\"Centro Gesti\u00f3n Aeroportuaria de Colombia\">Centro Gesti\u00f3n Aeroportuaria de Colombia<\/a><\/h2><div class=\"portfolio-entry-categories entry-categories wpex-clr\"><a href=\"https:\/\/www.garciafaura.com\/es\/portfolio-category\/edificios-de-servicios\/\" class=\"term-49\">Edificios de Servicios<\/a><\/div><\/div><\/div><\/div><div class=\"portfolio-entry vcex-grid-item entry-has-details span_1_of_3 col col-1 vcex-isotope-entry vcex-no-margin-entry post-17923 entry type-portfolio has-media cat-49 cat-50 cat-55 cat-56 translation_priority-6\"><div class=\"portfolio-entry-inner entry-inner wpex-clr\"><div class=\"portfolio-entry-media entry-media wpex-clr\"><a href=\"https:\/\/www.garciafaura.com\/wp-content\/uploads\/2018\/10\/Colo\u0300mbia-Torre-Control-El-Dorado-02.jpg\" title=\"Torre de Control Aeropuerto El Dorado\" class=\"portfolio-entry-media-link wpex-lightbox-gallery\" data-gallery=\"[{&quot;src&quot;:&quot;https:\\\/\\\/www.garciafaura.com\\\/wp-content\\\/uploads\\\/2018\\\/10\\\/Colo\\u0300mbia-Torre-Control-El-Dorado-01.jpg&quot;,&quot;title&quot;:&quot;Revestimiento y trabajos en altura en Torre de control Aeropuerto Bogot\\u00e1&quot;},{&quot;src&quot;:&quot;https:\\\/\\\/www.garciafaura.com\\\/wp-content\\\/uploads\\\/2018\\\/10\\\/Centro-Gestio\\u0301n-Aeroportuaria-11.jpg&quot;,&quot;title&quot;:&quot;Fachadas y cerramientos a la ampliaci\\u00f3n del Aeropuerto Internacional El Dorado&quot;},{&quot;src&quot;:&quot;https:\\\/\\\/www.garciafaura.com\\\/wp-content\\\/uploads\\\/2018\\\/10\\\/Centro-Gestio\\u0301n-Aeroportuaria-10.jpg&quot;,&quot;title&quot;:&quot;Fachadas y cerramientos a la ampliaci\\u00f3n del Aeropuerto Internacional El Dorado&quot;},{&quot;src&quot;:&quot;https:\\\/\\\/www.garciafaura.com\\\/wp-content\\\/uploads\\\/2018\\\/10\\\/Centro-Gestio\\u0301n-Aeroportuaria-09.jpg&quot;,&quot;title&quot;:&quot;Fachadas y cerramientos a la ampliaci\\u00f3n del Aeropuerto Internacional El Dorado&quot;},{&quot;src&quot;:&quot;https:\\\/\\\/www.garciafaura.com\\\/wp-content\\\/uploads\\\/2018\\\/10\\\/Centro-Gestio\\u0301n-Aeroportuaria-08.jpg&quot;,&quot;title&quot;:&quot;Fachadas y cerramientos a la ampliaci\\u00f3n del Aeropuerto Internacional El Dorado&quot;},{&quot;src&quot;:&quot;https:\\\/\\\/www.garciafaura.com\\\/wp-content\\\/uploads\\\/2018\\\/10\\\/Centro-Gestio\\u0301n-Aeroportuaria-07.jpg&quot;,&quot;title&quot;:&quot;Fachadas y cerramientos a la ampliaci\\u00f3n del Aeropuerto Internacional El Dorado&quot;},{&quot;src&quot;:&quot;https:\\\/\\\/www.garciafaura.com\\\/wp-content\\\/uploads\\\/2018\\\/10\\\/Centro-Gestio\\u0301n-Aeroportuaria-06.jpg&quot;,&quot;title&quot;:&quot;Fachadas y cerramientos a la ampliaci\\u00f3n del Aeropuerto Internacional El Dorado&quot;},{&quot;src&quot;:&quot;https:\\\/\\\/www.garciafaura.com\\\/wp-content\\\/uploads\\\/2018\\\/10\\\/Centro-Gestio\\u0301n-Aeroportuaria-05.jpg&quot;,&quot;title&quot;:&quot;Fachadas y cerramientos a la ampliaci\\u00f3n del Aeropuerto Internacional El Dorado&quot;},{&quot;src&quot;:&quot;https:\\\/\\\/www.garciafaura.com\\\/wp-content\\\/uploads\\\/2018\\\/10\\\/Centro-Gestio\\u0301n-Aeroportuaria-04.jpg&quot;,&quot;title&quot;:&quot;Fachadas y cerramientos a la ampliaci\\u00f3n del Aeropuerto Internacional El Dorado&quot;},{&quot;src&quot;:&quot;https:\\\/\\\/www.garciafaura.com\\\/wp-content\\\/uploads\\\/2018\\\/10\\\/Centro-Gestio\\u0301n-Aeroportuaria-03.jpg&quot;,&quot;title&quot;:&quot;Fachadas y cerramientos a la ampliaci\\u00f3n del Aeropuerto Internacional El Dorado&quot;},{&quot;src&quot;:&quot;https:\\\/\\\/www.garciafaura.com\\\/wp-content\\\/uploads\\\/2018\\\/10\\\/Centro-Gestio\\u0301n-Aeroportuaria-02.jpg&quot;,&quot;title&quot;:&quot;Fachadas y cerramientos a la ampliaci\\u00f3n del Aeropuerto Internacional El Dorado&quot;},{&quot;src&quot;:&quot;https:\\\/\\\/www.garciafaura.com\\\/wp-content\\\/uploads\\\/2018\\\/10\\\/Centro-Gestio\\u0301n-Aeroportuaria-01.jpg&quot;,&quot;title&quot;:&quot;Fachadas y cerramientos a la ampliaci\\u00f3n del Aeropuerto Internacional El Dorado&quot;},{&quot;src&quot;:&quot;https:\\\/\\\/www.garciafaura.com\\\/wp-content\\\/uploads\\\/2018\\\/10\\\/Colo\\u0300mbia-Torre-Control-El-Dorado-09.jpg&quot;,&quot;title&quot;:&quot;Revestimiento y trabajos en altura en Torre de control Aeropuerto Bogot\\u00e1&quot;},{&quot;src&quot;:&quot;https:\\\/\\\/www.garciafaura.com\\\/wp-content\\\/uploads\\\/2018\\\/10\\\/Colo\\u0300mbia-Torre-Control-El-Dorado-08.jpg&quot;,&quot;title&quot;:&quot;Revestimiento y trabajos en altura en Torre de control Aeropuerto Bogot\\u00e1&quot;},{&quot;src&quot;:&quot;https:\\\/\\\/www.garciafaura.com\\\/wp-content\\\/uploads\\\/2018\\\/10\\\/Colo\\u0300mbia-Torre-Control-El-Dorado-07.jpg&quot;,&quot;title&quot;:&quot;Revestimiento y trabajos en altura en Torre de control Aeropuerto Bogot\\u00e1&quot;},{&quot;src&quot;:&quot;https:\\\/\\\/www.garciafaura.com\\\/wp-content\\\/uploads\\\/2018\\\/10\\\/Colo\\u0300mbia-Torre-Control-El-Dorado-06.jpg&quot;,&quot;title&quot;:&quot;Revestimiento y trabajos en altura en Torre de control Aeropuerto Bogot\\u00e1&quot;},{&quot;src&quot;:&quot;https:\\\/\\\/www.garciafaura.com\\\/wp-content\\\/uploads\\\/2018\\\/10\\\/Colo\\u0300mbia-Torre-Control-El-Dorado-05.jpg&quot;,&quot;title&quot;:&quot;Revestimiento y trabajos en altura en Torre de control Aeropuerto Bogot\\u00e1&quot;},{&quot;src&quot;:&quot;https:\\\/\\\/www.garciafaura.com\\\/wp-content\\\/uploads\\\/2018\\\/10\\\/Colo\\u0300mbia-Torre-Control-El-Dorado-04.jpg&quot;,&quot;title&quot;:&quot;Revestimiento y trabajos en altura en Torre de control Aeropuerto Bogot\\u00e1&quot;},{&quot;src&quot;:&quot;https:\\\/\\\/www.garciafaura.com\\\/wp-content\\\/uploads\\\/2018\\\/10\\\/Colo\\u0300mbia-Torre-Control-El-Dorado-03.jpg&quot;,&quot;title&quot;:&quot;Revestimiento y trabajos en altura en Torre de control Aeropuerto Bogot\\u00e1&quot;},{&quot;src&quot;:&quot;https:\\\/\\\/www.garciafaura.com\\\/wp-content\\\/uploads\\\/2018\\\/10\\\/Colo\\u0300mbia-Torre-Control-El-Dorado-02.jpg&quot;,&quot;title&quot;:&quot;Revestimiento y trabajos en altura en Torre de control Aeropuerto Bogot\\u00e1&quot;}]\"><img loading=\"lazy\" decoding=\"async\" data-no-lazy=\"1\" class=\"portfolio-entry-img skip-lazy\" src=\"https:\/\/www.garciafaura.com\/wp-content\/uploads\/2018\/10\/Colo\u0300mbia-Torre-Control-El-Dorado-02-600x314.jpg\" alt=\"Revestimiento Y Trabajos En Altura En Torre De Control Aeropuerto Bogot\u00e1\" data-no-retina width=\"600\" height=\"314\" \/><\/a><\/div><div class=\"portfolio-entry-details entry-details wpex-clr\"><h2 class=\"portfolio-entry-title entry-title\"><a href=\"https:\/\/www.garciafaura.com\/es\/portfolio-item\/torre-de-control-aeropuerto-el-dorado\/\" title=\"Torre de Control Aeropuerto El Dorado\">Torre de Control Aeropuerto El Dorado<\/a><\/h2><div class=\"portfolio-entry-categories entry-categories wpex-clr\"><a href=\"https:\/\/www.garciafaura.com\/es\/portfolio-category\/edificios-de-servicios\/\" class=\"term-49\">Edificios de Servicios<\/a><\/div><\/div><\/div><\/div><div class=\"portfolio-entry vcex-grid-item entry-has-details span_1_of_3 col col-2 vcex-isotope-entry vcex-no-margin-entry post-17920 entry type-portfolio has-media cat-49 translation_priority-6\"><div class=\"portfolio-entry-inner entry-inner wpex-clr\"><div class=\"portfolio-entry-media entry-media wpex-clr\"><a href=\"https:\/\/www.garciafaura.com\/wp-content\/uploads\/2018\/10\/Escola-Els-Vinyals-Llic\u0327a\u0300-de-Vall-07.jpg\" title=\"Escuela Els Vinyals\" class=\"portfolio-entry-media-link wpex-lightbox-gallery\" data-gallery=\"[{&quot;src&quot;:&quot;https:\\\/\\\/www.garciafaura.com\\\/wp-content\\\/uploads\\\/2018\\\/10\\\/Escola-Els-Vinyals-Llic\\u0327a\\u0300-de-Vall-01.jpg&quot;,&quot;title&quot;:&quot;Cerramientos del nuevo centro escolar de Lli\\u00e7\\u00e0 de Vall&quot;},{&quot;src&quot;:&quot;https:\\\/\\\/www.garciafaura.com\\\/wp-content\\\/uploads\\\/2018\\\/10\\\/Escola-Els-Vinyals-Llic\\u0327a\\u0300-de-Vall-08.jpg&quot;,&quot;title&quot;:&quot;Cerramientos del nuevo centro escolar de Lli\\u00e7\\u00e0 de Vall&quot;},{&quot;src&quot;:&quot;https:\\\/\\\/www.garciafaura.com\\\/wp-content\\\/uploads\\\/2018\\\/10\\\/Escola-Els-Vinyals-Llic\\u0327a\\u0300-de-Vall-07.jpg&quot;,&quot;title&quot;:&quot;Cerramientos del nuevo centro escolar de Lli\\u00e7\\u00e0 de Vall&quot;},{&quot;src&quot;:&quot;https:\\\/\\\/www.garciafaura.com\\\/wp-content\\\/uploads\\\/2018\\\/10\\\/Escola-Els-Vinyals-Llic\\u0327a\\u0300-de-Vall-06.jpg&quot;,&quot;title&quot;:&quot;Cerramientos del nuevo centro escolar de Lli\\u00e7\\u00e0 de Vall&quot;},{&quot;src&quot;:&quot;https:\\\/\\\/www.garciafaura.com\\\/wp-content\\\/uploads\\\/2018\\\/10\\\/Escola-Els-Vinyals-Llic\\u0327a\\u0300-de-Vall-05.jpg&quot;,&quot;title&quot;:&quot;Cerramientos del nuevo centro escolar de Lli\\u00e7\\u00e0 de Vall&quot;},{&quot;src&quot;:&quot;https:\\\/\\\/www.garciafaura.com\\\/wp-content\\\/uploads\\\/2018\\\/10\\\/Escola-Els-Vinyals-Llic\\u0327a\\u0300-de-Vall-04.jpg&quot;,&quot;title&quot;:&quot;Cerramientos del nuevo centro escolar de Lli\\u00e7\\u00e0 de Vall&quot;},{&quot;src&quot;:&quot;https:\\\/\\\/www.garciafaura.com\\\/wp-content\\\/uploads\\\/2018\\\/10\\\/Escola-Els-Vinyals-Llic\\u0327a\\u0300-de-Vall-03.jpg&quot;,&quot;title&quot;:&quot;Cerramientos del nuevo centro escolar de Lli\\u00e7\\u00e0 de Vall&quot;},{&quot;src&quot;:&quot;https:\\\/\\\/www.garciafaura.com\\\/wp-content\\\/uploads\\\/2018\\\/10\\\/Escola-Els-Vinyals-Llic\\u0327a\\u0300-de-Vall-02.jpg&quot;,&quot;title&quot;:&quot;Cerramientos del nuevo centro escolar de Lli\\u00e7\\u00e0 de Vall&quot;}]\"><img loading=\"lazy\" decoding=\"async\" data-no-lazy=\"1\" class=\"portfolio-entry-img skip-lazy\" src=\"https:\/\/www.garciafaura.com\/wp-content\/uploads\/2018\/10\/Escola-Els-Vinyals-Llic\u0327a\u0300-de-Vall-07-600x314.jpg\" alt=\"Cerramientos Del Nuevo Centro Escolar De Lli\u00e7\u00e0 De Vall\" data-no-retina width=\"600\" height=\"314\" \/><\/a><\/div><div class=\"portfolio-entry-details entry-details wpex-clr\"><h2 class=\"portfolio-entry-title entry-title\"><a href=\"https:\/\/www.garciafaura.com\/es\/portfolio-item\/escuela-els-vinyals\/\" title=\"Escuela Els Vinyals\">Escuela Els Vinyals<\/a><\/h2><div class=\"portfolio-entry-categories entry-categories wpex-clr\"><a href=\"https:\/\/www.garciafaura.com\/es\/portfolio-category\/edificios-de-servicios\/\" class=\"term-49\">Edificios de Servicios<\/a><\/div><\/div><\/div><\/div><div class=\"portfolio-entry vcex-grid-item entry-has-details span_1_of_3 col col-3 vcex-isotope-entry vcex-no-margin-entry post-17915 entry type-portfolio has-media cat-49 translation_priority-6\"><div class=\"portfolio-entry-inner entry-inner wpex-clr\"><div class=\"portfolio-entry-media entry-media wpex-clr\"><a href=\"https:\/\/www.garciafaura.com\/wp-content\/uploads\/2018\/10\/Escola-Serravella-01.jpg\" title=\"Escuela Serralavella\" class=\"portfolio-entry-media-link wpex-lightbox-gallery\" data-gallery=\"[{&quot;src&quot;:&quot;https:\\\/\\\/www.garciafaura.com\\\/wp-content\\\/uploads\\\/2018\\\/10\\\/Escola-Serravella-01.jpg&quot;,&quot;title&quot;:&quot;Cerramientos de la nueva escuela p\\u00fablica de Ullastrell&quot;},{&quot;src&quot;:&quot;https:\\\/\\\/www.garciafaura.com\\\/wp-content\\\/uploads\\\/2018\\\/10\\\/Escola-Serravella-18.jpg&quot;,&quot;title&quot;:&quot;Cerramientos de la nueva escuela p\\u00fablica de Ullastrell&quot;},{&quot;src&quot;:&quot;https:\\\/\\\/www.garciafaura.com\\\/wp-content\\\/uploads\\\/2018\\\/10\\\/Escola-Serravella-17.jpg&quot;,&quot;title&quot;:&quot;Cerramientos de la nueva escuela p\\u00fablica de Ullastrell&quot;},{&quot;src&quot;:&quot;https:\\\/\\\/www.garciafaura.com\\\/wp-content\\\/uploads\\\/2018\\\/10\\\/Escola-Serravella-16.jpg&quot;,&quot;title&quot;:&quot;Cerramientos de la nueva escuela p\\u00fablica de Ullastrell&quot;},{&quot;src&quot;:&quot;https:\\\/\\\/www.garciafaura.com\\\/wp-content\\\/uploads\\\/2018\\\/10\\\/Escola-Serravella-15.jpg&quot;,&quot;title&quot;:&quot;Cerramientos de la nueva escuela p\\u00fablica de Ullastrell&quot;},{&quot;src&quot;:&quot;https:\\\/\\\/www.garciafaura.com\\\/wp-content\\\/uploads\\\/2018\\\/10\\\/Escola-Serravella-14.jpg&quot;,&quot;title&quot;:&quot;Cerramientos de la nueva escuela p\\u00fablica de Ullastrell&quot;},{&quot;src&quot;:&quot;https:\\\/\\\/www.garciafaura.com\\\/wp-content\\\/uploads\\\/2018\\\/10\\\/Escola-Serravella-13.jpg&quot;,&quot;title&quot;:&quot;Cerramientos de la nueva escuela p\\u00fablica de Ullastrell&quot;},{&quot;src&quot;:&quot;https:\\\/\\\/www.garciafaura.com\\\/wp-content\\\/uploads\\\/2018\\\/10\\\/Escola-Serravella-12.jpg&quot;,&quot;title&quot;:&quot;Cerramientos de la nueva escuela p\\u00fablica de Ullastrell&quot;},{&quot;src&quot;:&quot;https:\\\/\\\/www.garciafaura.com\\\/wp-content\\\/uploads\\\/2018\\\/10\\\/Escola-Serravella-11.jpg&quot;,&quot;title&quot;:&quot;Cerramientos de la nueva escuela p\\u00fablica de Ullastrell&quot;},{&quot;src&quot;:&quot;https:\\\/\\\/www.garciafaura.com\\\/wp-content\\\/uploads\\\/2018\\\/10\\\/Escola-Serravella-10.jpg&quot;,&quot;title&quot;:&quot;Cerramientos de la nueva escuela p\\u00fablica de Ullastrell&quot;},{&quot;src&quot;:&quot;https:\\\/\\\/www.garciafaura.com\\\/wp-content\\\/uploads\\\/2018\\\/10\\\/Escola-Serravella-09.jpg&quot;,&quot;title&quot;:&quot;Cerramientos de la nueva escuela p\\u00fablica de Ullastrell&quot;},{&quot;src&quot;:&quot;https:\\\/\\\/www.garciafaura.com\\\/wp-content\\\/uploads\\\/2018\\\/10\\\/Escola-Serravella-08.jpg&quot;,&quot;title&quot;:&quot;Cerramientos de la nueva escuela p\\u00fablica de Ullastrell&quot;},{&quot;src&quot;:&quot;https:\\\/\\\/www.garciafaura.com\\\/wp-content\\\/uploads\\\/2018\\\/10\\\/Escola-Serravella-07.jpg&quot;,&quot;title&quot;:&quot;Cerramientos de la nueva escuela p\\u00fablica de Ullastrell&quot;},{&quot;src&quot;:&quot;https:\\\/\\\/www.garciafaura.com\\\/wp-content\\\/uploads\\\/2018\\\/10\\\/Escola-Serravella-06.jpg&quot;,&quot;title&quot;:&quot;Cerramientos de la nueva escuela p\\u00fablica de Ullastrell&quot;},{&quot;src&quot;:&quot;https:\\\/\\\/www.garciafaura.com\\\/wp-content\\\/uploads\\\/2018\\\/10\\\/Escola-Serravella-05.jpg&quot;,&quot;title&quot;:&quot;Cerramientos de la nueva escuela p\\u00fablica de Ullastrell&quot;},{&quot;src&quot;:&quot;https:\\\/\\\/www.garciafaura.com\\\/wp-content\\\/uploads\\\/2018\\\/10\\\/Escola-Serravella-04.jpg&quot;,&quot;title&quot;:&quot;Cerramientos de la nueva escuela p\\u00fablica de Ullastrell&quot;},{&quot;src&quot;:&quot;https:\\\/\\\/www.garciafaura.com\\\/wp-content\\\/uploads\\\/2018\\\/10\\\/Escola-Serravella-03.jpg&quot;,&quot;title&quot;:&quot;Cerramientos de la nueva escuela p\\u00fablica de Ullastrell&quot;},{&quot;src&quot;:&quot;https:\\\/\\\/www.garciafaura.com\\\/wp-content\\\/uploads\\\/2018\\\/10\\\/Escola-Serravella-02.jpg&quot;,&quot;title&quot;:&quot;Cerramientos de la nueva escuela p\\u00fablica de Ullastrell&quot;}]\"><img loading=\"lazy\" decoding=\"async\" data-no-lazy=\"1\" class=\"portfolio-entry-img skip-lazy\" src=\"https:\/\/www.garciafaura.com\/wp-content\/uploads\/2018\/10\/Escola-Serravella-01-600x314.jpg\" alt=\"Cerramientos De La Nueva Escuela P\u00fablica De Ullastrell\" data-no-retina width=\"600\" height=\"314\" \/><\/a><\/div><div class=\"portfolio-entry-details entry-details wpex-clr\"><h2 class=\"portfolio-entry-title entry-title\"><a href=\"https:\/\/www.garciafaura.com\/es\/portfolio-item\/escuela-serralavella\/\" title=\"Escuela Serralavella\">Escuela Serralavella<\/a><\/h2><div class=\"portfolio-entry-categories entry-categories wpex-clr\"><a href=\"https:\/\/www.garciafaura.com\/es\/portfolio-category\/edificios-de-servicios\/\" class=\"term-49\">Edificios de Servicios<\/a><\/div><\/div><\/div><\/div><div class=\"portfolio-entry vcex-grid-item entry-has-details span_1_of_3 col col-1 vcex-isotope-entry vcex-no-margin-entry post-17911 entry type-portfolio has-media cat-49 translation_priority-6\"><div class=\"portfolio-entry-inner entry-inner wpex-clr\"><div class=\"portfolio-entry-media entry-media wpex-clr\"><a href=\"https:\/\/www.garciafaura.com\/wp-content\/uploads\/2018\/10\/Comissaria-Lloret-02.jpg\" title=\"Comisar\u00eda Lloret de Mar\" class=\"portfolio-entry-media-link wpex-lightbox-gallery\" data-gallery=\"[{&quot;src&quot;:&quot;https:\\\/\\\/www.garciafaura.com\\\/wp-content\\\/uploads\\\/2018\\\/10\\\/Comissaria-Lloret-01.jpg&quot;,&quot;title&quot;:&quot;Cerramientos y revestimiento de fachada en edificio policial&quot;},{&quot;src&quot;:&quot;https:\\\/\\\/www.garciafaura.com\\\/wp-content\\\/uploads\\\/2018\\\/10\\\/Comissaria-Lloret-36.jpg&quot;,&quot;title&quot;:&quot;Cerramientos y revestimiento de fachada en edificio policial&quot;},{&quot;src&quot;:&quot;https:\\\/\\\/www.garciafaura.com\\\/wp-content\\\/uploads\\\/2018\\\/10\\\/Comissaria-Lloret-35.jpg&quot;,&quot;title&quot;:&quot;Cerramientos y revestimiento de fachada en edificio policial&quot;},{&quot;src&quot;:&quot;https:\\\/\\\/www.garciafaura.com\\\/wp-content\\\/uploads\\\/2018\\\/10\\\/Comissaria-Lloret-34.jpg&quot;,&quot;title&quot;:&quot;Cerramientos y revestimiento de fachada en edificio policial&quot;},{&quot;src&quot;:&quot;https:\\\/\\\/www.garciafaura.com\\\/wp-content\\\/uploads\\\/2018\\\/10\\\/Comissaria-Lloret-33.jpg&quot;,&quot;title&quot;:&quot;Cerramientos y revestimiento de fachada en edificio policial&quot;},{&quot;src&quot;:&quot;https:\\\/\\\/www.garciafaura.com\\\/wp-content\\\/uploads\\\/2018\\\/10\\\/Comissaria-Lloret-32.jpg&quot;,&quot;title&quot;:&quot;Cerramientos y revestimiento de fachada en edificio policial&quot;},{&quot;src&quot;:&quot;https:\\\/\\\/www.garciafaura.com\\\/wp-content\\\/uploads\\\/2018\\\/10\\\/Comissaria-Lloret-31.jpg&quot;,&quot;title&quot;:&quot;Cerramientos y revestimiento de fachada en edificio policial&quot;},{&quot;src&quot;:&quot;https:\\\/\\\/www.garciafaura.com\\\/wp-content\\\/uploads\\\/2018\\\/10\\\/Comissaria-Lloret-30.jpg&quot;,&quot;title&quot;:&quot;Cerramientos y revestimiento de fachada en edificio policial&quot;},{&quot;src&quot;:&quot;https:\\\/\\\/www.garciafaura.com\\\/wp-content\\\/uploads\\\/2018\\\/10\\\/Comissaria-Lloret-29.jpg&quot;,&quot;title&quot;:&quot;Cerramientos y revestimiento de fachada en edificio policial&quot;},{&quot;src&quot;:&quot;https:\\\/\\\/www.garciafaura.com\\\/wp-content\\\/uploads\\\/2018\\\/10\\\/Comissaria-Lloret-28.jpg&quot;,&quot;title&quot;:&quot;Cerramientos y revestimiento de fachada en edificio policial&quot;},{&quot;src&quot;:&quot;https:\\\/\\\/www.garciafaura.com\\\/wp-content\\\/uploads\\\/2018\\\/10\\\/Comissaria-Lloret-27.jpg&quot;,&quot;title&quot;:&quot;Cerramientos y revestimiento de fachada en edificio policial&quot;},{&quot;src&quot;:&quot;https:\\\/\\\/www.garciafaura.com\\\/wp-content\\\/uploads\\\/2018\\\/10\\\/Comissaria-Lloret-26.jpg&quot;,&quot;title&quot;:&quot;Cerramientos y revestimiento de fachada en edificio policial&quot;},{&quot;src&quot;:&quot;https:\\\/\\\/www.garciafaura.com\\\/wp-content\\\/uploads\\\/2018\\\/10\\\/Comissaria-Lloret-25.jpg&quot;,&quot;title&quot;:&quot;Cerramientos y revestimiento de fachada en edificio policial&quot;},{&quot;src&quot;:&quot;https:\\\/\\\/www.garciafaura.com\\\/wp-content\\\/uploads\\\/2018\\\/10\\\/Comissaria-Lloret-24.jpg&quot;,&quot;title&quot;:&quot;Cerramientos y revestimiento de fachada en edificio policial&quot;},{&quot;src&quot;:&quot;https:\\\/\\\/www.garciafaura.com\\\/wp-content\\\/uploads\\\/2018\\\/10\\\/Comissaria-Lloret-23.jpg&quot;,&quot;title&quot;:&quot;Cerramientos y revestimiento de fachada en edificio policial&quot;},{&quot;src&quot;:&quot;https:\\\/\\\/www.garciafaura.com\\\/wp-content\\\/uploads\\\/2018\\\/10\\\/Comissaria-Lloret-22.jpg&quot;,&quot;title&quot;:&quot;Cerramientos y revestimiento de fachada en edificio policial&quot;},{&quot;src&quot;:&quot;https:\\\/\\\/www.garciafaura.com\\\/wp-content\\\/uploads\\\/2018\\\/10\\\/Comissaria-Lloret-21.jpg&quot;,&quot;title&quot;:&quot;Cerramientos y revestimiento de fachada en edificio policial&quot;},{&quot;src&quot;:&quot;https:\\\/\\\/www.garciafaura.com\\\/wp-content\\\/uploads\\\/2018\\\/10\\\/Comissaria-Lloret-20.jpg&quot;,&quot;title&quot;:&quot;Cerramientos y revestimiento de fachada en edificio policial&quot;},{&quot;src&quot;:&quot;https:\\\/\\\/www.garciafaura.com\\\/wp-content\\\/uploads\\\/2018\\\/10\\\/Comissaria-Lloret-19.jpg&quot;,&quot;title&quot;:&quot;Cerramientos y revestimiento de fachada en edificio policial&quot;},{&quot;src&quot;:&quot;https:\\\/\\\/www.garciafaura.com\\\/wp-content\\\/uploads\\\/2018\\\/10\\\/Comissaria-Lloret-18.jpg&quot;,&quot;title&quot;:&quot;Cerramientos y revestimiento de fachada en edificio policial&quot;},{&quot;src&quot;:&quot;https:\\\/\\\/www.garciafaura.com\\\/wp-content\\\/uploads\\\/2018\\\/10\\\/Comissaria-Lloret-17.jpg&quot;,&quot;title&quot;:&quot;Cerramientos y revestimiento de fachada en edificio policial&quot;},{&quot;src&quot;:&quot;https:\\\/\\\/www.garciafaura.com\\\/wp-content\\\/uploads\\\/2018\\\/10\\\/Comissaria-Lloret-16.jpg&quot;,&quot;title&quot;:&quot;Cerramientos y revestimiento de fachada en edificio policial&quot;},{&quot;src&quot;:&quot;https:\\\/\\\/www.garciafaura.com\\\/wp-content\\\/uploads\\\/2018\\\/10\\\/Comissaria-Lloret-15.jpg&quot;,&quot;title&quot;:&quot;Cerramientos y revestimiento de fachada en edificio policial&quot;},{&quot;src&quot;:&quot;https:\\\/\\\/www.garciafaura.com\\\/wp-content\\\/uploads\\\/2018\\\/10\\\/Comissaria-Lloret-14.jpg&quot;,&quot;title&quot;:&quot;Cerramientos y revestimiento de fachada en edificio policial&quot;},{&quot;src&quot;:&quot;https:\\\/\\\/www.garciafaura.com\\\/wp-content\\\/uploads\\\/2018\\\/10\\\/Comissaria-Lloret-13.jpg&quot;,&quot;title&quot;:&quot;Cerramientos y revestimiento de fachada en edificio policial&quot;},{&quot;src&quot;:&quot;https:\\\/\\\/www.garciafaura.com\\\/wp-content\\\/uploads\\\/2018\\\/10\\\/Comissaria-Lloret-12.jpg&quot;,&quot;title&quot;:&quot;Cerramientos y revestimiento de fachada en edificio policial&quot;},{&quot;src&quot;:&quot;https:\\\/\\\/www.garciafaura.com\\\/wp-content\\\/uploads\\\/2018\\\/10\\\/Comissaria-Lloret-11.jpg&quot;,&quot;title&quot;:&quot;Cerramientos y revestimiento de fachada en edificio policial&quot;},{&quot;src&quot;:&quot;https:\\\/\\\/www.garciafaura.com\\\/wp-content\\\/uploads\\\/2018\\\/10\\\/Comissaria-Lloret-10.jpg&quot;,&quot;title&quot;:&quot;Cerramientos y revestimiento de fachada en edificio policial&quot;},{&quot;src&quot;:&quot;https:\\\/\\\/www.garciafaura.com\\\/wp-content\\\/uploads\\\/2018\\\/10\\\/Comissaria-Lloret-09.jpg&quot;,&quot;title&quot;:&quot;Cerramientos y revestimiento de fachada en edificio policial&quot;},{&quot;src&quot;:&quot;https:\\\/\\\/www.garciafaura.com\\\/wp-content\\\/uploads\\\/2018\\\/10\\\/Comissaria-Lloret-08.jpg&quot;,&quot;title&quot;:&quot;Cerramientos y revestimiento de fachada en edificio policial&quot;},{&quot;src&quot;:&quot;https:\\\/\\\/www.garciafaura.com\\\/wp-content\\\/uploads\\\/2018\\\/10\\\/Comissaria-Lloret-07.jpg&quot;,&quot;title&quot;:&quot;Cerramientos y revestimiento de fachada en edificio policial&quot;},{&quot;src&quot;:&quot;https:\\\/\\\/www.garciafaura.com\\\/wp-content\\\/uploads\\\/2018\\\/10\\\/Comissaria-Lloret-06.jpg&quot;,&quot;title&quot;:&quot;Cerramientos y revestimiento de fachada en edificio policial&quot;},{&quot;src&quot;:&quot;https:\\\/\\\/www.garciafaura.com\\\/wp-content\\\/uploads\\\/2018\\\/10\\\/Comissaria-Lloret-05.jpg&quot;,&quot;title&quot;:&quot;Cerramientos y revestimiento de fachada en edificio policial&quot;},{&quot;src&quot;:&quot;https:\\\/\\\/www.garciafaura.com\\\/wp-content\\\/uploads\\\/2018\\\/10\\\/Comissaria-Lloret-04.jpg&quot;,&quot;title&quot;:&quot;Cerramientos y revestimiento de fachada en edificio policial&quot;},{&quot;src&quot;:&quot;https:\\\/\\\/www.garciafaura.com\\\/wp-content\\\/uploads\\\/2018\\\/10\\\/Comissaria-Lloret-03.jpg&quot;,&quot;title&quot;:&quot;Cerramientos y revestimiento de fachada en edificio policial&quot;},{&quot;src&quot;:&quot;https:\\\/\\\/www.garciafaura.com\\\/wp-content\\\/uploads\\\/2018\\\/10\\\/Comissaria-Lloret-02.jpg&quot;,&quot;title&quot;:&quot;Cerramientos y revestimiento de fachada en edificio policial&quot;}]\"><img loading=\"lazy\" decoding=\"async\" data-no-lazy=\"1\" class=\"portfolio-entry-img skip-lazy\" src=\"https:\/\/www.garciafaura.com\/wp-content\/uploads\/2018\/10\/Comissaria-Lloret-02-600x314.jpg\" alt=\"Cerramientos Y Revestimiento De Fachada En Edificio Policial\" data-no-retina width=\"600\" height=\"314\" \/><\/a><\/div><div class=\"portfolio-entry-details entry-details wpex-clr\"><h2 class=\"portfolio-entry-title entry-title\"><a href=\"https:\/\/www.garciafaura.com\/es\/portfolio-item\/comisaria-lloret-de-mar\/\" title=\"Comisar\u00eda Lloret de Mar\">Comisar\u00eda Lloret de Mar<\/a><\/h2><div class=\"portfolio-entry-categories entry-categories wpex-clr\"><a href=\"https:\/\/www.garciafaura.com\/es\/portfolio-category\/edificios-de-servicios\/\" class=\"term-49\">Edificios de Servicios<\/a><\/div><\/div><\/div><\/div><div class=\"portfolio-entry vcex-grid-item entry-has-details span_1_of_3 col col-2 vcex-isotope-entry vcex-no-margin-entry post-17905 entry type-portfolio has-media cat-49 translation_priority-6\"><div class=\"portfolio-entry-inner entry-inner wpex-clr\"><div class=\"portfolio-entry-media entry-media wpex-clr\"><a href=\"https:\/\/www.garciafaura.com\/wp-content\/uploads\/2018\/10\/Escola-La-Benaula-03.jpg\" title=\"Escuela La Benaula\" class=\"portfolio-entry-media-link wpex-lightbox-gallery\" data-gallery=\"[{&quot;src&quot;:&quot;https:\\\/\\\/www.garciafaura.com\\\/wp-content\\\/uploads\\\/2018\\\/10\\\/Escola-La-Benaula-01.jpg&quot;,&quot;title&quot;:&quot;Cerramientos para la nueva escuela de Caldes de Malavella&quot;},{&quot;src&quot;:&quot;https:\\\/\\\/www.garciafaura.com\\\/wp-content\\\/uploads\\\/2018\\\/10\\\/Escola-La-Benaula-30.jpg&quot;,&quot;title&quot;:&quot;Cerramientos para la nueva escuela de Caldes de Malavella&quot;},{&quot;src&quot;:&quot;https:\\\/\\\/www.garciafaura.com\\\/wp-content\\\/uploads\\\/2018\\\/10\\\/Escola-La-Benaula-29.jpg&quot;,&quot;title&quot;:&quot;Cerramientos para la nueva escuela de Caldes de Malavella&quot;},{&quot;src&quot;:&quot;https:\\\/\\\/www.garciafaura.com\\\/wp-content\\\/uploads\\\/2018\\\/10\\\/Escola-La-Benaula-28.jpg&quot;,&quot;title&quot;:&quot;Cerramientos para la nueva escuela de Caldes de Malavella&quot;},{&quot;src&quot;:&quot;https:\\\/\\\/www.garciafaura.com\\\/wp-content\\\/uploads\\\/2018\\\/10\\\/Escola-La-Benaula-27.jpg&quot;,&quot;title&quot;:&quot;Cerramientos para la nueva escuela de Caldes de Malavella&quot;},{&quot;src&quot;:&quot;https:\\\/\\\/www.garciafaura.com\\\/wp-content\\\/uploads\\\/2018\\\/10\\\/Escola-La-Benaula-26.jpg&quot;,&quot;title&quot;:&quot;Cerramientos para la nueva escuela de Caldes de Malavella&quot;},{&quot;src&quot;:&quot;https:\\\/\\\/www.garciafaura.com\\\/wp-content\\\/uploads\\\/2018\\\/10\\\/Escola-La-Benaula-25.jpg&quot;,&quot;title&quot;:&quot;Cerramientos para la nueva escuela de Caldes de Malavella&quot;},{&quot;src&quot;:&quot;https:\\\/\\\/www.garciafaura.com\\\/wp-content\\\/uploads\\\/2018\\\/10\\\/Escola-La-Benaula-24.jpg&quot;,&quot;title&quot;:&quot;Cerramientos para la nueva escuela de Caldes de Malavella&quot;},{&quot;src&quot;:&quot;https:\\\/\\\/www.garciafaura.com\\\/wp-content\\\/uploads\\\/2018\\\/10\\\/Escola-La-Benaula-23.jpg&quot;,&quot;title&quot;:&quot;Cerramientos para la nueva escuela de Caldes de Malavella&quot;},{&quot;src&quot;:&quot;https:\\\/\\\/www.garciafaura.com\\\/wp-content\\\/uploads\\\/2018\\\/10\\\/Escola-La-Benaula-22.jpg&quot;,&quot;title&quot;:&quot;Cerramientos para la nueva escuela de Caldes de Malavella&quot;},{&quot;src&quot;:&quot;https:\\\/\\\/www.garciafaura.com\\\/wp-content\\\/uploads\\\/2018\\\/10\\\/Escola-La-Benaula-21.jpg&quot;,&quot;title&quot;:&quot;Cerramientos para la nueva escuela de Caldes de Malavella&quot;},{&quot;src&quot;:&quot;https:\\\/\\\/www.garciafaura.com\\\/wp-content\\\/uploads\\\/2018\\\/10\\\/Escola-La-Benaula-20.jpg&quot;,&quot;title&quot;:&quot;Cerramientos para la nueva escuela de Caldes de Malavella&quot;},{&quot;src&quot;:&quot;https:\\\/\\\/www.garciafaura.com\\\/wp-content\\\/uploads\\\/2018\\\/10\\\/Escola-La-Benaula-19.jpg&quot;,&quot;title&quot;:&quot;Cerramientos para la nueva escuela de Caldes de Malavella&quot;},{&quot;src&quot;:&quot;https:\\\/\\\/www.garciafaura.com\\\/wp-content\\\/uploads\\\/2018\\\/10\\\/Escola-La-Benaula-18.jpg&quot;,&quot;title&quot;:&quot;Cerramientos para la nueva escuela de Caldes de Malavella&quot;},{&quot;src&quot;:&quot;https:\\\/\\\/www.garciafaura.com\\\/wp-content\\\/uploads\\\/2018\\\/10\\\/Escola-La-Benaula-17.jpg&quot;,&quot;title&quot;:&quot;Cerramientos para la nueva escuela de Caldes de Malavella&quot;},{&quot;src&quot;:&quot;https:\\\/\\\/www.garciafaura.com\\\/wp-content\\\/uploads\\\/2018\\\/10\\\/Escola-La-Benaula-16.jpg&quot;,&quot;title&quot;:&quot;Cerramientos para la nueva escuela de Caldes de Malavella&quot;},{&quot;src&quot;:&quot;https:\\\/\\\/www.garciafaura.com\\\/wp-content\\\/uploads\\\/2018\\\/10\\\/Escola-La-Benaula-15.jpg&quot;,&quot;title&quot;:&quot;Cerramientos para la nueva escuela de Caldes de Malavella&quot;},{&quot;src&quot;:&quot;https:\\\/\\\/www.garciafaura.com\\\/wp-content\\\/uploads\\\/2018\\\/10\\\/Escola-La-Benaula-14.jpg&quot;,&quot;title&quot;:&quot;Cerramientos para la nueva escuela de Caldes de Malavella&quot;},{&quot;src&quot;:&quot;https:\\\/\\\/www.garciafaura.com\\\/wp-content\\\/uploads\\\/2018\\\/10\\\/Escola-La-Benaula-13.jpg&quot;,&quot;title&quot;:&quot;Cerramientos para la nueva escuela de Caldes de Malavella&quot;},{&quot;src&quot;:&quot;https:\\\/\\\/www.garciafaura.com\\\/wp-content\\\/uploads\\\/2018\\\/10\\\/Escola-La-Benaula-12.jpg&quot;,&quot;title&quot;:&quot;Cerramientos para la nueva escuela de Caldes de Malavella&quot;},{&quot;src&quot;:&quot;https:\\\/\\\/www.garciafaura.com\\\/wp-content\\\/uploads\\\/2018\\\/10\\\/Escola-La-Benaula-11.jpg&quot;,&quot;title&quot;:&quot;Cerramientos para la nueva escuela de Caldes de Malavella&quot;},{&quot;src&quot;:&quot;https:\\\/\\\/www.garciafaura.com\\\/wp-content\\\/uploads\\\/2018\\\/10\\\/Escola-La-Benaula-10.jpg&quot;,&quot;title&quot;:&quot;Cerramientos para la nueva escuela de Caldes de Malavella&quot;},{&quot;src&quot;:&quot;https:\\\/\\\/www.garciafaura.com\\\/wp-content\\\/uploads\\\/2018\\\/10\\\/Escola-La-Benaula-09.jpg&quot;,&quot;title&quot;:&quot;Cerramientos para la nueva escuela de Caldes de Malavella&quot;},{&quot;src&quot;:&quot;https:\\\/\\\/www.garciafaura.com\\\/wp-content\\\/uploads\\\/2018\\\/10\\\/Escola-La-Benaula-08.jpg&quot;,&quot;title&quot;:&quot;Cerramientos para la nueva escuela de Caldes de Malavella&quot;},{&quot;src&quot;:&quot;https:\\\/\\\/www.garciafaura.com\\\/wp-content\\\/uploads\\\/2018\\\/10\\\/Escola-La-Benaula-07.jpg&quot;,&quot;title&quot;:&quot;Cerramientos para la nueva escuela de Caldes de Malavella&quot;},{&quot;src&quot;:&quot;https:\\\/\\\/www.garciafaura.com\\\/wp-content\\\/uploads\\\/2018\\\/10\\\/Escola-La-Benaula-06.jpg&quot;,&quot;title&quot;:&quot;Cerramientos para la nueva escuela de Caldes de Malavella&quot;},{&quot;src&quot;:&quot;https:\\\/\\\/www.garciafaura.com\\\/wp-content\\\/uploads\\\/2018\\\/10\\\/Escola-La-Benaula-05.jpg&quot;,&quot;title&quot;:&quot;Cerramientos para la nueva escuela de Caldes de Malavella&quot;},{&quot;src&quot;:&quot;https:\\\/\\\/www.garciafaura.com\\\/wp-content\\\/uploads\\\/2018\\\/10\\\/Escola-La-Benaula-04.jpg&quot;,&quot;title&quot;:&quot;Cerramientos para la nueva escuela de Caldes de Malavella&quot;},{&quot;src&quot;:&quot;https:\\\/\\\/www.garciafaura.com\\\/wp-content\\\/uploads\\\/2018\\\/10\\\/Escola-La-Benaula-03.jpg&quot;,&quot;title&quot;:&quot;Cerramientos para la nueva escuela de Caldes de Malavella&quot;},{&quot;src&quot;:&quot;https:\\\/\\\/www.garciafaura.com\\\/wp-content\\\/uploads\\\/2018\\\/10\\\/Escola-La-Benaula-02.jpg&quot;,&quot;title&quot;:&quot;Cerramientos para la nueva escuela de Caldes de Malavella&quot;}]\"><img loading=\"lazy\" decoding=\"async\" data-no-lazy=\"1\" class=\"portfolio-entry-img skip-lazy\" src=\"https:\/\/www.garciafaura.com\/wp-content\/uploads\/2018\/10\/Escola-La-Benaula-03-600x314.jpg\" alt=\"Cerramientos Para La Nueva Escuela De Caldes De Malavella\" data-no-retina width=\"600\" height=\"314\" \/><\/a><\/div><div class=\"portfolio-entry-details entry-details wpex-clr\"><h2 class=\"portfolio-entry-title entry-title\"><a href=\"https:\/\/www.garciafaura.com\/es\/portfolio-item\/escuela-la-benaula\/\" title=\"Escuela La Benaula\">Escuela La Benaula<\/a><\/h2><div class=\"portfolio-entry-categories entry-categories wpex-clr\"><a href=\"https:\/\/www.garciafaura.com\/es\/portfolio-category\/edificios-de-servicios\/\" class=\"term-49\">Edificios de Servicios<\/a><\/div><\/div><\/div><\/div><div class=\"portfolio-entry vcex-grid-item entry-has-details span_1_of_3 col col-3 vcex-isotope-entry vcex-no-margin-entry post-17904 entry type-portfolio has-media cat-49 translation_priority-6\"><div class=\"portfolio-entry-inner entry-inner wpex-clr\"><div class=\"portfolio-entry-media entry-media wpex-clr\"><a href=\"https:\/\/www.garciafaura.com\/wp-content\/uploads\/2018\/10\/Les-Masies-de-Mollet-01.jpg\" title=\"Residencia Les Masies de Mollet\" class=\"portfolio-entry-media-link wpex-lightbox\"><img loading=\"lazy\" decoding=\"async\" data-no-lazy=\"1\" class=\"portfolio-entry-img skip-lazy\" src=\"https:\/\/www.garciafaura.com\/wp-content\/uploads\/2018\/10\/Les-Masies-de-Mollet-01-600x314.jpg\" alt=\"Cerramientos Para Residencia De Gente Mayor Y Centro De D\u00eda En Mollet Del Vall\u00e8s\" data-no-retina width=\"600\" height=\"314\" \/><\/a><\/div><div class=\"portfolio-entry-details entry-details wpex-clr\"><h2 class=\"portfolio-entry-title entry-title\"><a href=\"https:\/\/www.garciafaura.com\/es\/portfolio-item\/residencia-les-masies-de-mollet\/\" title=\"Residencia Les Masies de Mollet\">Residencia Les Masies de Mollet<\/a><\/h2><div class=\"portfolio-entry-categories entry-categories wpex-clr\"><a href=\"https:\/\/www.garciafaura.com\/es\/portfolio-category\/edificios-de-servicios\/\" class=\"term-49\">Edificios de Servicios<\/a><\/div><\/div><\/div><\/div><div class=\"portfolio-entry vcex-grid-item entry-has-details span_1_of_3 col col-1 vcex-isotope-entry vcex-no-margin-entry post-17901 entry type-portfolio has-media cat-49 cat-118 cat-119 translation_priority-6\"><div class=\"portfolio-entry-inner entry-inner wpex-clr\"><div class=\"portfolio-entry-media entry-media wpex-clr\"><a href=\"https:\/\/www.garciafaura.com\/wp-content\/uploads\/2018\/10\/Mercat-de-la-Constitucio\u0301-01.jpg\" title=\"Mercado de la Constituci\u00f3\" class=\"portfolio-entry-media-link wpex-lightbox-gallery\" data-gallery=\"[{&quot;src&quot;:&quot;https:\\\/\\\/www.garciafaura.com\\\/wp-content\\\/uploads\\\/2018\\\/10\\\/Mercat-de-la-Constitucio\\u0301-01.jpg&quot;,&quot;title&quot;:&quot;Cerramientos y vidrios del Mercado municipal de la Constituci\\u00f3 de Viladecans&quot;},{&quot;src&quot;:&quot;https:\\\/\\\/www.garciafaura.com\\\/wp-content\\\/uploads\\\/2018\\\/10\\\/Mercat-de-la-Constitucio\\u0301-14.jpg&quot;,&quot;title&quot;:&quot;Tancaments i vidrieres del Mercat municipal de la Constituci\\u00f3 a Viladecans&quot;},{&quot;src&quot;:&quot;https:\\\/\\\/www.garciafaura.com\\\/wp-content\\\/uploads\\\/2018\\\/10\\\/Mercat-de-la-Constitucio\\u0301-13.jpg&quot;,&quot;title&quot;:&quot;Cerramientos y vidrios del Mercado municipal de la Constituci\\u00f3 de Viladecans&quot;},{&quot;src&quot;:&quot;https:\\\/\\\/www.garciafaura.com\\\/wp-content\\\/uploads\\\/2018\\\/10\\\/Mercat-de-la-Constitucio\\u0301-12.jpg&quot;,&quot;title&quot;:&quot;Cerramientos y vidrios del Mercado municipal de la Constituci\\u00f3 de Viladecans&quot;},{&quot;src&quot;:&quot;https:\\\/\\\/www.garciafaura.com\\\/wp-content\\\/uploads\\\/2018\\\/10\\\/Mercat-de-la-Constitucio\\u0301-11.jpg&quot;,&quot;title&quot;:&quot;Cerramientos y vidrios del Mercado municipal de la Constituci\\u00f3 de Viladecans&quot;},{&quot;src&quot;:&quot;https:\\\/\\\/www.garciafaura.com\\\/wp-content\\\/uploads\\\/2018\\\/10\\\/Mercat-de-la-Constitucio\\u0301-10.jpg&quot;,&quot;title&quot;:&quot;Cerramientos y vidrios del Mercado municipal de la Constituci\\u00f3 de Viladecans&quot;},{&quot;src&quot;:&quot;https:\\\/\\\/www.garciafaura.com\\\/wp-content\\\/uploads\\\/2018\\\/10\\\/Mercat-de-la-Constitucio\\u0301-09.jpg&quot;,&quot;title&quot;:&quot;Cerramientos y vidrios del Mercado municipal de la Constituci\\u00f3 de Viladecans&quot;},{&quot;src&quot;:&quot;https:\\\/\\\/www.garciafaura.com\\\/wp-content\\\/uploads\\\/2018\\\/10\\\/Mercat-de-la-Constitucio\\u0301-08.jpg&quot;,&quot;title&quot;:&quot;Cerramientos y vidrios del Mercado municipal de la Constituci\\u00f3 de Viladecans&quot;},{&quot;src&quot;:&quot;https:\\\/\\\/www.garciafaura.com\\\/wp-content\\\/uploads\\\/2018\\\/10\\\/Mercat-de-la-Constitucio\\u0301-07.jpg&quot;,&quot;title&quot;:&quot;Cerramientos y vidrios del Mercado municipal de la Constituci\\u00f3 de Viladecans&quot;},{&quot;src&quot;:&quot;https:\\\/\\\/www.garciafaura.com\\\/wp-content\\\/uploads\\\/2018\\\/10\\\/Mercat-de-la-Constitucio\\u0301-06.jpg&quot;,&quot;title&quot;:&quot;Cerramientos y vidrios del Mercado municipal de la Constituci\\u00f3 de Viladecans&quot;},{&quot;src&quot;:&quot;https:\\\/\\\/www.garciafaura.com\\\/wp-content\\\/uploads\\\/2018\\\/10\\\/Mercat-de-la-Constitucio\\u0301-05.jpg&quot;,&quot;title&quot;:&quot;Cerramientos y vidrios del Mercado municipal de la Constituci\\u00f3 de Viladecans&quot;},{&quot;src&quot;:&quot;https:\\\/\\\/www.garciafaura.com\\\/wp-content\\\/uploads\\\/2018\\\/10\\\/Mercat-de-la-Constitucio\\u0301-04.jpg&quot;,&quot;title&quot;:&quot;Cerramientos y vidrios del Mercado municipal de la Constituci\\u00f3 de Viladecans&quot;},{&quot;src&quot;:&quot;https:\\\/\\\/www.garciafaura.com\\\/wp-content\\\/uploads\\\/2018\\\/10\\\/Mercat-de-la-Constitucio\\u0301-03.jpg&quot;,&quot;title&quot;:&quot;Cerramientos y vidrios del Mercado municipal de la Constituci\\u00f3 de Viladecans&quot;},{&quot;src&quot;:&quot;https:\\\/\\\/www.garciafaura.com\\\/wp-content\\\/uploads\\\/2018\\\/10\\\/Mercat-de-la-Constitucio\\u0301-02.jpg&quot;,&quot;title&quot;:&quot;Cerramientos y vidrios del Mercado municipal de la Constituci\\u00f3 de Viladecans&quot;}]\"><img loading=\"lazy\" decoding=\"async\" data-no-lazy=\"1\" class=\"portfolio-entry-img skip-lazy\" src=\"https:\/\/www.garciafaura.com\/wp-content\/uploads\/2018\/10\/Mercat-de-la-Constitucio\u0301-01-600x314.jpg\" alt=\"Cerramientos Y Vidrios Del Mercado Municipal De La Constituci\u00f3 De Viladecans\" data-no-retina width=\"600\" height=\"314\" \/><\/a><\/div><div class=\"portfolio-entry-details entry-details wpex-clr\"><h2 class=\"portfolio-entry-title entry-title\"><a href=\"https:\/\/www.garciafaura.com\/es\/portfolio-item\/mercado-de-la-constitucio\/\" title=\"Mercado de la Constituci\u00f3\">Mercado de la Constituci\u00f3<\/a><\/h2><div class=\"portfolio-entry-categories entry-categories wpex-clr\"><a href=\"https:\/\/www.garciafaura.com\/es\/portfolio-category\/edificios-de-servicios\/\" class=\"term-49\">Edificios de Servicios<\/a><\/div><\/div><\/div><\/div><div class=\"portfolio-entry vcex-grid-item entry-has-details span_1_of_3 col col-2 vcex-isotope-entry vcex-no-margin-entry post-17885 entry type-portfolio has-media cat-49 translation_priority-6\"><div class=\"portfolio-entry-inner entry-inner wpex-clr\"><div class=\"portfolio-entry-media entry-media wpex-clr\"><a href=\"https:\/\/www.garciafaura.com\/wp-content\/uploads\/2018\/10\/Tanatori-Bages-Sud-03.jpg\" title=\"Tanatorio Bages Sud\" class=\"portfolio-entry-media-link wpex-lightbox-gallery\" data-gallery=\"[{&quot;src&quot;:&quot;https:\\\/\\\/www.garciafaura.com\\\/wp-content\\\/uploads\\\/2018\\\/10\\\/Tanatori-Bages-Sud-01.jpg&quot;,&quot;title&quot;:&quot;Cerramientos de aluminio y lucernas en nuevo equipamientos en Sant Vicen\\u00e7 de Castellet&quot;},{&quot;src&quot;:&quot;https:\\\/\\\/www.garciafaura.com\\\/wp-content\\\/uploads\\\/2018\\\/10\\\/Tanatori-Bages-Sud-20.jpg&quot;,&quot;title&quot;:&quot;Cerramientos de aluminio y lucernas en nuevo equipamientos en Sant Vicen\\u00e7 de Castellet&quot;},{&quot;src&quot;:&quot;https:\\\/\\\/www.garciafaura.com\\\/wp-content\\\/uploads\\\/2018\\\/10\\\/Tanatori-Bages-Sud-19.jpg&quot;,&quot;title&quot;:&quot;Cerramientos de aluminio y lucernas en nuevo equipamientos en Sant Vicen\\u00e7 de Castellet&quot;},{&quot;src&quot;:&quot;https:\\\/\\\/www.garciafaura.com\\\/wp-content\\\/uploads\\\/2018\\\/10\\\/Tanatori-Bages-Sud-18.jpg&quot;,&quot;title&quot;:&quot;Cerramientos de aluminio y lucernas en nuevo equipamientos en Sant Vicen\\u00e7 de Castellet&quot;},{&quot;src&quot;:&quot;https:\\\/\\\/www.garciafaura.com\\\/wp-content\\\/uploads\\\/2018\\\/10\\\/Tanatori-Bages-Sud-17.jpg&quot;,&quot;title&quot;:&quot;Cerramientos de aluminio y lucernas en nuevo equipamientos en Sant Vicen\\u00e7 de Castellet&quot;},{&quot;src&quot;:&quot;https:\\\/\\\/www.garciafaura.com\\\/wp-content\\\/uploads\\\/2018\\\/10\\\/Tanatori-Bages-Sud-16.jpg&quot;,&quot;title&quot;:&quot;Cerramientos de aluminio y lucernas en nuevo equipamientos en Sant Vicen\\u00e7 de Castellet&quot;},{&quot;src&quot;:&quot;https:\\\/\\\/www.garciafaura.com\\\/wp-content\\\/uploads\\\/2018\\\/10\\\/Tanatori-Bages-Sud-15.jpg&quot;,&quot;title&quot;:&quot;Cerramientos de aluminio y lucernas en nuevo equipamientos en Sant Vicen\\u00e7 de Castellet&quot;},{&quot;src&quot;:&quot;https:\\\/\\\/www.garciafaura.com\\\/wp-content\\\/uploads\\\/2018\\\/10\\\/Tanatori-Bages-Sud-14.jpg&quot;,&quot;title&quot;:&quot;Cerramientos de aluminio y lucernas en nuevo equipamientos en Sant Vicen\\u00e7 de Castellet&quot;},{&quot;src&quot;:&quot;https:\\\/\\\/www.garciafaura.com\\\/wp-content\\\/uploads\\\/2018\\\/10\\\/Tanatori-Bages-Sud-13.jpg&quot;,&quot;title&quot;:&quot;Cerramientos de aluminio y lucernas en nuevo equipamientos en Sant Vicen\\u00e7 de Castellet&quot;},{&quot;src&quot;:&quot;https:\\\/\\\/www.garciafaura.com\\\/wp-content\\\/uploads\\\/2018\\\/10\\\/Tanatori-Bages-Sud-12.jpg&quot;,&quot;title&quot;:&quot;Cerramientos de aluminio y lucernas en nuevo equipamientos en Sant Vicen\\u00e7 de Castellet&quot;},{&quot;src&quot;:&quot;https:\\\/\\\/www.garciafaura.com\\\/wp-content\\\/uploads\\\/2018\\\/10\\\/Tanatori-Bages-Sud-11.jpg&quot;,&quot;title&quot;:&quot;Cerramientos de aluminio y lucernas en nuevo equipamientos en Sant Vicen\\u00e7 de Castellet&quot;},{&quot;src&quot;:&quot;https:\\\/\\\/www.garciafaura.com\\\/wp-content\\\/uploads\\\/2018\\\/10\\\/Tanatori-Bages-Sud-10.jpg&quot;,&quot;title&quot;:&quot;Cerramientos de aluminio y lucernas en nuevo equipamientos en Sant Vicen\\u00e7 de Castellet&quot;},{&quot;src&quot;:&quot;https:\\\/\\\/www.garciafaura.com\\\/wp-content\\\/uploads\\\/2018\\\/10\\\/Tanatori-Bages-Sud-09.jpg&quot;,&quot;title&quot;:&quot;Cerramientos de aluminio y lucernas en nuevo equipamientos en Sant Vicen\\u00e7 de Castellet&quot;},{&quot;src&quot;:&quot;https:\\\/\\\/www.garciafaura.com\\\/wp-content\\\/uploads\\\/2018\\\/10\\\/Tanatori-Bages-Sud-08.jpg&quot;,&quot;title&quot;:&quot;Cerramientos de aluminio y lucernas en nuevo equipamientos en Sant Vicen\\u00e7 de Castellet&quot;},{&quot;src&quot;:&quot;https:\\\/\\\/www.garciafaura.com\\\/wp-content\\\/uploads\\\/2018\\\/10\\\/Tanatori-Bages-Sud-07.jpg&quot;,&quot;title&quot;:&quot;Cerramientos de aluminio y lucernas en nuevo equipamientos en Sant Vicen\\u00e7 de Castellet&quot;},{&quot;src&quot;:&quot;https:\\\/\\\/www.garciafaura.com\\\/wp-content\\\/uploads\\\/2018\\\/10\\\/Tanatori-Bages-Sud-06.jpg&quot;,&quot;title&quot;:&quot;Cerramientos de aluminio y lucernas en nuevo equipamientos en Sant Vicen\\u00e7 de Castellet&quot;},{&quot;src&quot;:&quot;https:\\\/\\\/www.garciafaura.com\\\/wp-content\\\/uploads\\\/2018\\\/10\\\/Tanatori-Bages-Sud-05.jpg&quot;,&quot;title&quot;:&quot;Cerramientos de aluminio y lucernas en nuevo equipamientos en Sant Vicen\\u00e7 de Castellet&quot;},{&quot;src&quot;:&quot;https:\\\/\\\/www.garciafaura.com\\\/wp-content\\\/uploads\\\/2018\\\/10\\\/Tanatori-Bages-Sud-04.jpg&quot;,&quot;title&quot;:&quot;Cerramientos de aluminio y lucernas en nuevo equipamientos en Sant Vicen\\u00e7 de Castellet&quot;},{&quot;src&quot;:&quot;https:\\\/\\\/www.garciafaura.com\\\/wp-content\\\/uploads\\\/2018\\\/10\\\/Tanatori-Bages-Sud-03.jpg&quot;,&quot;title&quot;:&quot;Cerramientos de aluminio y lucernas en nuevo equipamientos en Sant Vicen\\u00e7 de Castellet&quot;},{&quot;src&quot;:&quot;https:\\\/\\\/www.garciafaura.com\\\/wp-content\\\/uploads\\\/2018\\\/10\\\/Tanatori-Bages-Sud-02.jpg&quot;,&quot;title&quot;:&quot;Cerramientos de aluminio y lucernas en nuevo equipamientos en Sant Vicen\\u00e7 de Castellet&quot;}]\"><img loading=\"lazy\" decoding=\"async\" data-no-lazy=\"1\" class=\"portfolio-entry-img skip-lazy\" src=\"https:\/\/www.garciafaura.com\/wp-content\/uploads\/2018\/10\/Tanatori-Bages-Sud-03-600x314.jpg\" alt=\"Cerramientos De Aluminio Y Lucernas En Nuevo Equipamientos En Sant Vicen\u00e7 De Castellet\" data-no-retina width=\"600\" height=\"314\" \/><\/a><\/div><div class=\"portfolio-entry-details entry-details wpex-clr\"><h2 class=\"portfolio-entry-title entry-title\"><a href=\"https:\/\/www.garciafaura.com\/es\/portfolio-item\/tanatorio-bages-sud\/\" title=\"Tanatorio Bages Sud\">Tanatorio Bages Sud<\/a><\/h2><div class=\"portfolio-entry-categories entry-categories wpex-clr\"><a href=\"https:\/\/www.garciafaura.com\/es\/portfolio-category\/edificios-de-servicios\/\" class=\"term-49\">Edificios de Servicios<\/a><\/div><\/div><\/div><\/div><div class=\"portfolio-entry vcex-grid-item entry-has-details span_1_of_3 col col-3 vcex-isotope-entry vcex-no-margin-entry post-17882 entry type-portfolio has-media cat-49 translation_priority-6\"><div class=\"portfolio-entry-inner entry-inner wpex-clr\"><div class=\"portfolio-entry-media entry-media wpex-clr\"><a href=\"https:\/\/www.garciafaura.com\/wp-content\/uploads\/2018\/10\/Mercat-Palleja\u0300-04.jpg\" title=\"Mercado de Pallej\u00e0\" class=\"portfolio-entry-media-link wpex-lightbox-gallery\" data-gallery=\"[{&quot;src&quot;:&quot;https:\\\/\\\/www.garciafaura.com\\\/wp-content\\\/uploads\\\/2018\\\/10\\\/Mercat-Palleja\\u0300-01.jpg&quot;,&quot;title&quot;:&quot;Cerramientos met\\u00e1licos, vidrio y forrados en nuevo equipamiento p\\u00fablico&quot;},{&quot;src&quot;:&quot;https:\\\/\\\/www.garciafaura.com\\\/wp-content\\\/uploads\\\/2018\\\/10\\\/Mercat-Palleja\\u0300-14.jpg&quot;,&quot;title&quot;:&quot;Cerramientos met\\u00e1licos, vidrio y forrados en nuevo equipamiento p\\u00fablico&quot;},{&quot;src&quot;:&quot;https:\\\/\\\/www.garciafaura.com\\\/wp-content\\\/uploads\\\/2018\\\/10\\\/Mercat-Palleja\\u0300-13.jpg&quot;,&quot;title&quot;:&quot;Cerramientos met\\u00e1licos, vidrio y forrados en nuevo equipamiento p\\u00fablico&quot;},{&quot;src&quot;:&quot;https:\\\/\\\/www.garciafaura.com\\\/wp-content\\\/uploads\\\/2018\\\/10\\\/Mercat-Palleja\\u0300-12.jpg&quot;,&quot;title&quot;:&quot;Cerramientos met\\u00e1licos, vidrio y forrados en nuevo equipamiento p\\u00fablico&quot;},{&quot;src&quot;:&quot;https:\\\/\\\/www.garciafaura.com\\\/wp-content\\\/uploads\\\/2018\\\/10\\\/Mercat-Palleja\\u0300-11.jpg&quot;,&quot;title&quot;:&quot;Cerramientos met\\u00e1licos, vidrio y forrados en nuevo equipamiento p\\u00fablico&quot;},{&quot;src&quot;:&quot;https:\\\/\\\/www.garciafaura.com\\\/wp-content\\\/uploads\\\/2018\\\/10\\\/Mercat-Palleja\\u0300-10.jpg&quot;,&quot;title&quot;:&quot;Cerramientos met\\u00e1licos, vidrio y forrados en nuevo equipamiento p\\u00fablico&quot;},{&quot;src&quot;:&quot;https:\\\/\\\/www.garciafaura.com\\\/wp-content\\\/uploads\\\/2018\\\/10\\\/Mercat-Palleja\\u0300-09.jpg&quot;,&quot;title&quot;:&quot;Cerramientos met\\u00e1licos, vidrio y forrados en nuevo equipamiento p\\u00fablico&quot;},{&quot;src&quot;:&quot;https:\\\/\\\/www.garciafaura.com\\\/wp-content\\\/uploads\\\/2018\\\/10\\\/Mercat-Palleja\\u0300-08.jpg&quot;,&quot;title&quot;:&quot;Cerramientos met\\u00e1licos, vidrio y forrados en nuevo equipamiento p\\u00fablico&quot;},{&quot;src&quot;:&quot;https:\\\/\\\/www.garciafaura.com\\\/wp-content\\\/uploads\\\/2018\\\/10\\\/Mercat-Palleja\\u0300-07.jpg&quot;,&quot;title&quot;:&quot;Cerramientos met\\u00e1licos, vidrio y forrados en nuevo equipamiento p\\u00fablico&quot;},{&quot;src&quot;:&quot;https:\\\/\\\/www.garciafaura.com\\\/wp-content\\\/uploads\\\/2018\\\/10\\\/Mercat-Palleja\\u0300-06.jpg&quot;,&quot;title&quot;:&quot;Cerramientos met\\u00e1licos, vidrio y forrados en nuevo equipamiento p\\u00fablico&quot;},{&quot;src&quot;:&quot;https:\\\/\\\/www.garciafaura.com\\\/wp-content\\\/uploads\\\/2018\\\/10\\\/Mercat-Palleja\\u0300-05.jpg&quot;,&quot;title&quot;:&quot;Cerramientos met\\u00e1licos, vidrio y forrados en nuevo equipamiento p\\u00fablico&quot;},{&quot;src&quot;:&quot;https:\\\/\\\/www.garciafaura.com\\\/wp-content\\\/uploads\\\/2018\\\/10\\\/Mercat-Palleja\\u0300-04.jpg&quot;,&quot;title&quot;:&quot;Cerramientos met\\u00e1licos, vidrio y forrados en nuevo equipamiento p\\u00fablico&quot;},{&quot;src&quot;:&quot;https:\\\/\\\/www.garciafaura.com\\\/wp-content\\\/uploads\\\/2018\\\/10\\\/Mercat-Palleja\\u0300-03.jpg&quot;,&quot;title&quot;:&quot;Cerramientos met\\u00e1licos, vidrio y forrados en nuevo equipamiento p\\u00fablico&quot;},{&quot;src&quot;:&quot;https:\\\/\\\/www.garciafaura.com\\\/wp-content\\\/uploads\\\/2018\\\/10\\\/Mercat-Palleja\\u0300-02.jpg&quot;,&quot;title&quot;:&quot;Cerramientos met\\u00e1licos, vidrio y forrados en nuevo equipamiento p\\u00fablico&quot;}]\"><img loading=\"lazy\" decoding=\"async\" data-no-lazy=\"1\" class=\"portfolio-entry-img skip-lazy\" src=\"https:\/\/www.garciafaura.com\/wp-content\/uploads\/2018\/10\/Mercat-Palleja\u0300-04-600x314.jpg\" alt=\"Cerramientos Met\u00e1licos, Vidrio Y Forrados En Nuevo Equipamiento P\u00fablico\" data-no-retina width=\"600\" height=\"314\" \/><\/a><\/div><div class=\"portfolio-entry-details entry-details wpex-clr\"><h2 class=\"portfolio-entry-title entry-title\"><a href=\"https:\/\/www.garciafaura.com\/es\/portfolio-item\/mercado-de-palleja\/\" title=\"Mercado de Pallej\u00e0\">Mercado de Pallej\u00e0<\/a><\/h2><div class=\"portfolio-entry-categories entry-categories wpex-clr\"><a href=\"https:\/\/www.garciafaura.com\/es\/portfolio-category\/edificios-de-servicios\/\" class=\"term-49\">Edificios de Servicios<\/a><\/div><\/div><\/div><\/div><div class=\"portfolio-entry vcex-grid-item entry-has-details span_1_of_3 col col-1 vcex-isotope-entry vcex-no-margin-entry post-17873 entry type-portfolio has-media cat-49 cat-50 translation_priority-6\"><div class=\"portfolio-entry-inner entry-inner wpex-clr\"><div class=\"portfolio-entry-media entry-media wpex-clr\"><a href=\"https:\/\/www.garciafaura.com\/wp-content\/uploads\/2018\/10\/Po\u0300dium-Viladecans-06.jpg\" title=\"Complejo deportivo P\u00f2dium\" class=\"portfolio-entry-media-link wpex-lightbox-gallery\" data-gallery=\"[{&quot;src&quot;:&quot;https:\\\/\\\/www.garciafaura.com\\\/wp-content\\\/uploads\\\/2018\\\/10\\\/Po\\u0300dium-Viladecans-01.jpg&quot;,&quot;title&quot;:&quot;Cerramientos y muros cortina de este nuevo complejo deportivo en Viladecans&quot;},{&quot;src&quot;:&quot;https:\\\/\\\/www.garciafaura.com\\\/wp-content\\\/uploads\\\/2018\\\/10\\\/Po\\u0300dium-Viladecans-44.jpg&quot;,&quot;title&quot;:&quot;Cerramientos y muros cortina de este nuevo complejo deportivo en Viladecans&quot;},{&quot;src&quot;:&quot;https:\\\/\\\/www.garciafaura.com\\\/wp-content\\\/uploads\\\/2018\\\/10\\\/Po\\u0300dium-Viladecans-43.jpg&quot;,&quot;title&quot;:&quot;Cerramientos y muros cortina de este nuevo complejo deportivo en Viladecans&quot;},{&quot;src&quot;:&quot;https:\\\/\\\/www.garciafaura.com\\\/wp-content\\\/uploads\\\/2018\\\/10\\\/Po\\u0300dium-Viladecans-42.jpg&quot;,&quot;title&quot;:&quot;Cerramientos y muros cortina de este nuevo complejo deportivo en Viladecans&quot;},{&quot;src&quot;:&quot;https:\\\/\\\/www.garciafaura.com\\\/wp-content\\\/uploads\\\/2018\\\/10\\\/Po\\u0300dium-Viladecans-41.jpg&quot;,&quot;title&quot;:&quot;Cerramientos y muros cortina de este nuevo complejo deportivo en Viladecans&quot;},{&quot;src&quot;:&quot;https:\\\/\\\/www.garciafaura.com\\\/wp-content\\\/uploads\\\/2018\\\/10\\\/Po\\u0300dium-Viladecans-40.jpg&quot;,&quot;title&quot;:&quot;Cerramientos y muros cortina de este nuevo complejo deportivo en Viladecans&quot;},{&quot;src&quot;:&quot;https:\\\/\\\/www.garciafaura.com\\\/wp-content\\\/uploads\\\/2018\\\/10\\\/Po\\u0300dium-Viladecans-39.jpg&quot;,&quot;title&quot;:&quot;Cerramientos y muros cortina de este nuevo complejo deportivo en Viladecans&quot;},{&quot;src&quot;:&quot;https:\\\/\\\/www.garciafaura.com\\\/wp-content\\\/uploads\\\/2018\\\/10\\\/Po\\u0300dium-Viladecans-38.jpg&quot;,&quot;title&quot;:&quot;Cerramientos y muros cortina de este nuevo complejo deportivo en Viladecans&quot;},{&quot;src&quot;:&quot;https:\\\/\\\/www.garciafaura.com\\\/wp-content\\\/uploads\\\/2018\\\/10\\\/Po\\u0300dium-Viladecans-37.jpg&quot;,&quot;title&quot;:&quot;Cerramientos y muros cortina de este nuevo complejo deportivo en Viladecans&quot;},{&quot;src&quot;:&quot;https:\\\/\\\/www.garciafaura.com\\\/wp-content\\\/uploads\\\/2018\\\/10\\\/Po\\u0300dium-Viladecans-36.jpg&quot;,&quot;title&quot;:&quot;Cerramientos y muros cortina de este nuevo complejo deportivo en Viladecans&quot;},{&quot;src&quot;:&quot;https:\\\/\\\/www.garciafaura.com\\\/wp-content\\\/uploads\\\/2018\\\/10\\\/Po\\u0300dium-Viladecans-35.jpg&quot;,&quot;title&quot;:&quot;Cerramientos y muros cortina de este nuevo complejo deportivo en Viladecans&quot;},{&quot;src&quot;:&quot;https:\\\/\\\/www.garciafaura.com\\\/wp-content\\\/uploads\\\/2018\\\/10\\\/Po\\u0300dium-Viladecans-34.jpg&quot;,&quot;title&quot;:&quot;Cerramientos y muros cortina de este nuevo complejo deportivo en Viladecans&quot;},{&quot;src&quot;:&quot;https:\\\/\\\/www.garciafaura.com\\\/wp-content\\\/uploads\\\/2018\\\/10\\\/Po\\u0300dium-Viladecans-33.jpg&quot;,&quot;title&quot;:&quot;Cerramientos y muros cortina de este nuevo complejo deportivo en Viladecans&quot;},{&quot;src&quot;:&quot;https:\\\/\\\/www.garciafaura.com\\\/wp-content\\\/uploads\\\/2018\\\/10\\\/Po\\u0300dium-Viladecans-32.jpg&quot;,&quot;title&quot;:&quot;Cerramientos y muros cortina de este nuevo complejo deportivo en Viladecans&quot;},{&quot;src&quot;:&quot;https:\\\/\\\/www.garciafaura.com\\\/wp-content\\\/uploads\\\/2018\\\/10\\\/Po\\u0300dium-Viladecans-31.jpg&quot;,&quot;title&quot;:&quot;Cerramientos y muros cortina de este nuevo complejo deportivo en Viladecans&quot;},{&quot;src&quot;:&quot;https:\\\/\\\/www.garciafaura.com\\\/wp-content\\\/uploads\\\/2018\\\/10\\\/Po\\u0300dium-Viladecans-30.jpg&quot;,&quot;title&quot;:&quot;Cerramientos y muros cortina de este nuevo complejo deportivo en Viladecans&quot;},{&quot;src&quot;:&quot;https:\\\/\\\/www.garciafaura.com\\\/wp-content\\\/uploads\\\/2018\\\/10\\\/Po\\u0300dium-Viladecans-29.jpg&quot;,&quot;title&quot;:&quot;Cerramientos y muros cortina de este nuevo complejo deportivo en Viladecans&quot;},{&quot;src&quot;:&quot;https:\\\/\\\/www.garciafaura.com\\\/wp-content\\\/uploads\\\/2018\\\/10\\\/Po\\u0300dium-Viladecans-28.jpg&quot;,&quot;title&quot;:&quot;Cerramientos y muros cortina de este nuevo complejo deportivo en Viladecans&quot;},{&quot;src&quot;:&quot;https:\\\/\\\/www.garciafaura.com\\\/wp-content\\\/uploads\\\/2018\\\/10\\\/Po\\u0300dium-Viladecans-27.jpg&quot;,&quot;title&quot;:&quot;Cerramientos y muros cortina de este nuevo complejo deportivo en Viladecans&quot;},{&quot;src&quot;:&quot;https:\\\/\\\/www.garciafaura.com\\\/wp-content\\\/uploads\\\/2018\\\/10\\\/Po\\u0300dium-Viladecans-26.jpg&quot;,&quot;title&quot;:&quot;Cerramientos y muros cortina de este nuevo complejo deportivo en Viladecans&quot;},{&quot;src&quot;:&quot;https:\\\/\\\/www.garciafaura.com\\\/wp-content\\\/uploads\\\/2018\\\/10\\\/Po\\u0300dium-Viladecans-25.jpg&quot;,&quot;title&quot;:&quot;Cerramientos y muros cortina de este nuevo complejo deportivo en Viladecans&quot;},{&quot;src&quot;:&quot;https:\\\/\\\/www.garciafaura.com\\\/wp-content\\\/uploads\\\/2018\\\/10\\\/Po\\u0300dium-Viladecans-24.jpg&quot;,&quot;title&quot;:&quot;Cerramientos y muros cortina de este nuevo complejo deportivo en Viladecans&quot;},{&quot;src&quot;:&quot;https:\\\/\\\/www.garciafaura.com\\\/wp-content\\\/uploads\\\/2018\\\/10\\\/Po\\u0300dium-Viladecans-23.jpg&quot;,&quot;title&quot;:&quot;Cerramientos y muros cortina de este nuevo complejo deportivo en Viladecans&quot;},{&quot;src&quot;:&quot;https:\\\/\\\/www.garciafaura.com\\\/wp-content\\\/uploads\\\/2018\\\/10\\\/Po\\u0300dium-Viladecans-22.jpg&quot;,&quot;title&quot;:&quot;Cerramientos y muros cortina de este nuevo complejo deportivo en Viladecans&quot;},{&quot;src&quot;:&quot;https:\\\/\\\/www.garciafaura.com\\\/wp-content\\\/uploads\\\/2018\\\/10\\\/Po\\u0300dium-Viladecans-21.jpg&quot;,&quot;title&quot;:&quot;Cerramientos y muros cortina de este nuevo complejo deportivo en Viladecans&quot;},{&quot;src&quot;:&quot;https:\\\/\\\/www.garciafaura.com\\\/wp-content\\\/uploads\\\/2018\\\/10\\\/Po\\u0300dium-Viladecans-20.jpg&quot;,&quot;title&quot;:&quot;Cerramientos y muros cortina de este nuevo complejo deportivo en Viladecans&quot;},{&quot;src&quot;:&quot;https:\\\/\\\/www.garciafaura.com\\\/wp-content\\\/uploads\\\/2018\\\/10\\\/Po\\u0300dium-Viladecans-19.jpg&quot;,&quot;title&quot;:&quot;Cerramientos y muros cortina de este nuevo complejo deportivo en Viladecans&quot;},{&quot;src&quot;:&quot;https:\\\/\\\/www.garciafaura.com\\\/wp-content\\\/uploads\\\/2018\\\/10\\\/Po\\u0300dium-Viladecans-18.jpg&quot;,&quot;title&quot;:&quot;Cerramientos y muros cortina de este nuevo complejo deportivo en Viladecans&quot;},{&quot;src&quot;:&quot;https:\\\/\\\/www.garciafaura.com\\\/wp-content\\\/uploads\\\/2018\\\/10\\\/Po\\u0300dium-Viladecans-17.jpg&quot;,&quot;title&quot;:&quot;Cerramientos y muros cortina de este nuevo complejo deportivo en Viladecans&quot;},{&quot;src&quot;:&quot;https:\\\/\\\/www.garciafaura.com\\\/wp-content\\\/uploads\\\/2018\\\/10\\\/Po\\u0300dium-Viladecans-16.jpg&quot;,&quot;title&quot;:&quot;Cerramientos y muros cortina de este nuevo complejo deportivo en Viladecans&quot;},{&quot;src&quot;:&quot;https:\\\/\\\/www.garciafaura.com\\\/wp-content\\\/uploads\\\/2018\\\/10\\\/Po\\u0300dium-Viladecans-15.jpg&quot;,&quot;title&quot;:&quot;Cerramientos y muros cortina de este nuevo complejo deportivo en Viladecans&quot;},{&quot;src&quot;:&quot;https:\\\/\\\/www.garciafaura.com\\\/wp-content\\\/uploads\\\/2018\\\/10\\\/Po\\u0300dium-Viladecans-14.jpg&quot;,&quot;title&quot;:&quot;Cerramientos y muros cortina de este nuevo complejo deportivo en Viladecans&quot;},{&quot;src&quot;:&quot;https:\\\/\\\/www.garciafaura.com\\\/wp-content\\\/uploads\\\/2018\\\/10\\\/Po\\u0300dium-Viladecans-13.jpg&quot;,&quot;title&quot;:&quot;Cerramientos y muros cortina de este nuevo complejo deportivo en Viladecans&quot;},{&quot;src&quot;:&quot;https:\\\/\\\/www.garciafaura.com\\\/wp-content\\\/uploads\\\/2018\\\/10\\\/Po\\u0300dium-Viladecans-12.jpg&quot;,&quot;title&quot;:&quot;Cerramientos y muros cortina de este nuevo complejo deportivo en Viladecans&quot;},{&quot;src&quot;:&quot;https:\\\/\\\/www.garciafaura.com\\\/wp-content\\\/uploads\\\/2018\\\/10\\\/Po\\u0300dium-Viladecans-11.jpg&quot;,&quot;title&quot;:&quot;Cerramientos y muros cortina de este nuevo complejo deportivo en Viladecans&quot;},{&quot;src&quot;:&quot;https:\\\/\\\/www.garciafaura.com\\\/wp-content\\\/uploads\\\/2018\\\/10\\\/Po\\u0300dium-Viladecans-10.jpg&quot;,&quot;title&quot;:&quot;Cerramientos y muros cortina de este nuevo complejo deportivo en Viladecans&quot;},{&quot;src&quot;:&quot;https:\\\/\\\/www.garciafaura.com\\\/wp-content\\\/uploads\\\/2018\\\/10\\\/Po\\u0300dium-Viladecans-09.jpg&quot;,&quot;title&quot;:&quot;Cerramientos y muros cortina de este nuevo complejo deportivo en Viladecans&quot;},{&quot;src&quot;:&quot;https:\\\/\\\/www.garciafaura.com\\\/wp-content\\\/uploads\\\/2018\\\/10\\\/Po\\u0300dium-Viladecans-08.jpg&quot;,&quot;title&quot;:&quot;Cerramientos y muros cortina de este nuevo complejo deportivo en Viladecans&quot;},{&quot;src&quot;:&quot;https:\\\/\\\/www.garciafaura.com\\\/wp-content\\\/uploads\\\/2018\\\/10\\\/Po\\u0300dium-Viladecans-07.jpg&quot;,&quot;title&quot;:&quot;Cerramientos y muros cortina de este nuevo complejo deportivo en Viladecans&quot;},{&quot;src&quot;:&quot;https:\\\/\\\/www.garciafaura.com\\\/wp-content\\\/uploads\\\/2018\\\/10\\\/Po\\u0300dium-Viladecans-06.jpg&quot;,&quot;title&quot;:&quot;Cerramientos y muros cortina de este nuevo complejo deportivo en Viladecans&quot;},{&quot;src&quot;:&quot;https:\\\/\\\/www.garciafaura.com\\\/wp-content\\\/uploads\\\/2018\\\/10\\\/Po\\u0300dium-Viladecans-05.jpg&quot;,&quot;title&quot;:&quot;Cerramientos y muros cortina de este nuevo complejo deportivo en Viladecans&quot;},{&quot;src&quot;:&quot;https:\\\/\\\/www.garciafaura.com\\\/wp-content\\\/uploads\\\/2018\\\/10\\\/Po\\u0300dium-Viladecans-04.jpg&quot;,&quot;title&quot;:&quot;Cerramientos y muros cortina de este nuevo complejo deportivo en Viladecans&quot;},{&quot;src&quot;:&quot;https:\\\/\\\/www.garciafaura.com\\\/wp-content\\\/uploads\\\/2018\\\/10\\\/Po\\u0300dium-Viladecans-03.jpg&quot;,&quot;title&quot;:&quot;Cerramientos y muros cortina de este nuevo complejo deportivo en Viladecans&quot;},{&quot;src&quot;:&quot;https:\\\/\\\/www.garciafaura.com\\\/wp-content\\\/uploads\\\/2018\\\/10\\\/Po\\u0300dium-Viladecans-02.jpg&quot;,&quot;title&quot;:&quot;Cerramientos y muros cortina de este nuevo complejo deportivo en Viladecans&quot;}]\"><img loading=\"lazy\" decoding=\"async\" data-no-lazy=\"1\" class=\"portfolio-entry-img skip-lazy\" src=\"https:\/\/www.garciafaura.com\/wp-content\/uploads\/2018\/10\/Po\u0300dium-Viladecans-06-600x314.jpg\" alt=\"Cerramientos Y Muros Cortina De Este Nuevo Complejo Deportivo En Viladecans\" data-no-retina width=\"600\" height=\"314\" \/><\/a><\/div><div class=\"portfolio-entry-details entry-details wpex-clr\"><h2 class=\"portfolio-entry-title entry-title\"><a href=\"https:\/\/www.garciafaura.com\/es\/portfolio-item\/complejo-deportivo-podium\/\" title=\"Complejo deportivo P\u00f2dium\">Complejo deportivo P\u00f2dium<\/a><\/h2><div class=\"portfolio-entry-categories entry-categories wpex-clr\"><a href=\"https:\/\/www.garciafaura.com\/es\/portfolio-category\/edificios-de-servicios\/\" class=\"term-49\">Edificios de Servicios<\/a><\/div><\/div><\/div><\/div><div class=\"portfolio-entry vcex-grid-item entry-has-details span_1_of_3 col col-2 vcex-isotope-entry vcex-no-margin-entry post-17870 entry type-portfolio has-media cat-49 translation_priority-6\"><div class=\"portfolio-entry-inner entry-inner wpex-clr\"><div class=\"portfolio-entry-media entry-media wpex-clr\"><a href=\"https:\/\/www.garciafaura.com\/wp-content\/uploads\/2018\/10\/Mercagava-08.jpg\" title=\"Mercado Municipal Mercagav\u00e0\" class=\"portfolio-entry-media-link wpex-lightbox-gallery\" data-gallery=\"[{&quot;src&quot;:&quot;https:\\\/\\\/www.garciafaura.com\\\/wp-content\\\/uploads\\\/2018\\\/10\\\/Mercagava-01.jpg&quot;,&quot;title&quot;:&quot;Cerramientos y vidrio del nuevo mercado de plaza Catalunya en Gav\\u00e0&quot;},{&quot;src&quot;:&quot;https:\\\/\\\/www.garciafaura.com\\\/wp-content\\\/uploads\\\/2018\\\/10\\\/Mercagava-14.jpg&quot;,&quot;title&quot;:&quot;Cerramientos y vidrio del nuevo mercado de plaza Catalunya en Gav\\u00e0&quot;},{&quot;src&quot;:&quot;https:\\\/\\\/www.garciafaura.com\\\/wp-content\\\/uploads\\\/2018\\\/10\\\/Mercagava-13.jpg&quot;,&quot;title&quot;:&quot;Cerramientos y vidrio del nuevo mercado de plaza Catalunya en Gav\\u00e0&quot;},{&quot;src&quot;:&quot;https:\\\/\\\/www.garciafaura.com\\\/wp-content\\\/uploads\\\/2018\\\/10\\\/Mercagava-12.jpg&quot;,&quot;title&quot;:&quot;Cerramientos y vidrio del nuevo mercado de plaza Catalunya en Gav\\u00e0&quot;},{&quot;src&quot;:&quot;https:\\\/\\\/www.garciafaura.com\\\/wp-content\\\/uploads\\\/2018\\\/10\\\/Mercagava-11.jpg&quot;,&quot;title&quot;:&quot;Cerramientos y vidrio del nuevo mercado de plaza Catalunya en Gav\\u00e0&quot;},{&quot;src&quot;:&quot;https:\\\/\\\/www.garciafaura.com\\\/wp-content\\\/uploads\\\/2018\\\/10\\\/Mercagava-10.jpg&quot;,&quot;title&quot;:&quot;Cerramientos y vidrio del nuevo mercado de plaza Catalunya en Gav\\u00e0&quot;},{&quot;src&quot;:&quot;https:\\\/\\\/www.garciafaura.com\\\/wp-content\\\/uploads\\\/2018\\\/10\\\/Mercagava-09.jpg&quot;,&quot;title&quot;:&quot;Cerramientos y vidrio del nuevo mercado de plaza Catalunya en Gav\\u00e0&quot;},{&quot;src&quot;:&quot;https:\\\/\\\/www.garciafaura.com\\\/wp-content\\\/uploads\\\/2018\\\/10\\\/Mercagava-08.jpg&quot;,&quot;title&quot;:&quot;Cerramientos y vidrio del nuevo mercado de plaza Catalunya en Gav\\u00e0&quot;},{&quot;src&quot;:&quot;https:\\\/\\\/www.garciafaura.com\\\/wp-content\\\/uploads\\\/2018\\\/10\\\/Mercagava-07.jpg&quot;,&quot;title&quot;:&quot;Cerramientos y vidrio del nuevo mercado de plaza Catalunya en Gav\\u00e0&quot;},{&quot;src&quot;:&quot;https:\\\/\\\/www.garciafaura.com\\\/wp-content\\\/uploads\\\/2018\\\/10\\\/Mercagava-06.jpg&quot;,&quot;title&quot;:&quot;Cerramientos y vidrio del nuevo mercado de plaza Catalunya en Gav\\u00e0&quot;},{&quot;src&quot;:&quot;https:\\\/\\\/www.garciafaura.com\\\/wp-content\\\/uploads\\\/2018\\\/10\\\/Mercagava-05.jpg&quot;,&quot;title&quot;:&quot;Cerramientos y vidrio del nuevo mercado de plaza Catalunya en Gav\\u00e0&quot;},{&quot;src&quot;:&quot;https:\\\/\\\/www.garciafaura.com\\\/wp-content\\\/uploads\\\/2018\\\/10\\\/Mercagava-04.jpg&quot;,&quot;title&quot;:&quot;Cerramientos y vidrio del nuevo mercado de plaza Catalunya en Gav\\u00e0&quot;},{&quot;src&quot;:&quot;https:\\\/\\\/www.garciafaura.com\\\/wp-content\\\/uploads\\\/2018\\\/10\\\/Mercagava-03.jpg&quot;,&quot;title&quot;:&quot;Cerramientos y vidrio del nuevo mercado de plaza Catalunya en Gav\\u00e0&quot;},{&quot;src&quot;:&quot;https:\\\/\\\/www.garciafaura.com\\\/wp-content\\\/uploads\\\/2018\\\/10\\\/Mercagava-02.jpg&quot;,&quot;title&quot;:&quot;Cerramientos y vidrio del nuevo mercado de plaza Catalunya en Gav\\u00e0&quot;}]\"><img loading=\"lazy\" decoding=\"async\" data-no-lazy=\"1\" class=\"portfolio-entry-img skip-lazy\" src=\"https:\/\/www.garciafaura.com\/wp-content\/uploads\/2018\/10\/Mercagava-08-600x314.jpg\" alt=\"Cerramientos Y Vidrio Del Nuevo Mercado De Plaza Catalunya En Gav\u00e0\" data-no-retina width=\"600\" height=\"314\" \/><\/a><\/div><div class=\"portfolio-entry-details entry-details wpex-clr\"><h2 class=\"portfolio-entry-title entry-title\"><a href=\"https:\/\/www.garciafaura.com\/es\/portfolio-item\/mercado-municipal-mercagava\/\" title=\"Mercado Municipal Mercagav\u00e0\">Mercado Municipal Mercagav\u00e0<\/a><\/h2><div class=\"portfolio-entry-categories entry-categories wpex-clr\"><a href=\"https:\/\/www.garciafaura.com\/es\/portfolio-category\/edificios-de-servicios\/\" class=\"term-49\">Edificios de Servicios<\/a><\/div><\/div><\/div><\/div><div class=\"portfolio-entry vcex-grid-item entry-has-details span_1_of_3 col col-3 vcex-isotope-entry vcex-no-margin-entry post-17867 entry type-portfolio has-media cat-49 translation_priority-6\"><div class=\"portfolio-entry-inner entry-inner wpex-clr\"><div class=\"portfolio-entry-media entry-media wpex-clr\"><a href=\"https:\/\/www.garciafaura.com\/wp-content\/uploads\/2018\/10\/Mercat-Guinardo-10.jpg\" title=\"Mercat del Guinard\u00f3\" class=\"portfolio-entry-media-link wpex-lightbox-gallery\" data-gallery=\"[{&quot;src&quot;:&quot;https:\\\/\\\/www.garciafaura.com\\\/wp-content\\\/uploads\\\/2018\\\/10\\\/Mercat-Guinardo-01.jpg&quot;,&quot;title&quot;:&quot;Fachada y cerramientos en aluminio y vidrio&quot;},{&quot;src&quot;:&quot;https:\\\/\\\/www.garciafaura.com\\\/wp-content\\\/uploads\\\/2018\\\/10\\\/Mercat-Guinardo-19.jpg&quot;,&quot;title&quot;:&quot;Fachada y cerramientos en aluminio y vidrio&quot;},{&quot;src&quot;:&quot;https:\\\/\\\/www.garciafaura.com\\\/wp-content\\\/uploads\\\/2018\\\/10\\\/Mercat-Guinardo-18.jpg&quot;,&quot;title&quot;:&quot;Fachada y cerramientos en aluminio y vidrio&quot;},{&quot;src&quot;:&quot;https:\\\/\\\/www.garciafaura.com\\\/wp-content\\\/uploads\\\/2018\\\/10\\\/Mercat-Guinardo-17.jpg&quot;,&quot;title&quot;:&quot;Fachada y cerramientos en aluminio y vidrio&quot;},{&quot;src&quot;:&quot;https:\\\/\\\/www.garciafaura.com\\\/wp-content\\\/uploads\\\/2018\\\/10\\\/Mercat-Guinardo-16.jpg&quot;,&quot;title&quot;:&quot;Fachada y cerramientos en aluminio y vidrio&quot;},{&quot;src&quot;:&quot;https:\\\/\\\/www.garciafaura.com\\\/wp-content\\\/uploads\\\/2018\\\/10\\\/Mercat-Guinardo-15.jpg&quot;,&quot;title&quot;:&quot;Fachada y cerramientos en aluminio y vidrio&quot;},{&quot;src&quot;:&quot;https:\\\/\\\/www.garciafaura.com\\\/wp-content\\\/uploads\\\/2018\\\/10\\\/Mercat-Guinardo-14.jpg&quot;,&quot;title&quot;:&quot;Fachada y cerramientos en aluminio y vidrio&quot;},{&quot;src&quot;:&quot;https:\\\/\\\/www.garciafaura.com\\\/wp-content\\\/uploads\\\/2018\\\/10\\\/Mercat-Guinardo-13.jpg&quot;,&quot;title&quot;:&quot;Fachada y cerramientos en aluminio y vidrio&quot;},{&quot;src&quot;:&quot;https:\\\/\\\/www.garciafaura.com\\\/wp-content\\\/uploads\\\/2018\\\/10\\\/Mercat-Guinardo-12.jpg&quot;,&quot;title&quot;:&quot;Fachada y cerramientos en aluminio y vidrio&quot;},{&quot;src&quot;:&quot;https:\\\/\\\/www.garciafaura.com\\\/wp-content\\\/uploads\\\/2018\\\/10\\\/Mercat-Guinardo-11.jpg&quot;,&quot;title&quot;:&quot;Fachada y cerramientos en aluminio y vidrio&quot;},{&quot;src&quot;:&quot;https:\\\/\\\/www.garciafaura.com\\\/wp-content\\\/uploads\\\/2018\\\/10\\\/Mercat-Guinardo-10.jpg&quot;,&quot;title&quot;:&quot;Fachada y cerramientos en aluminio y vidrio&quot;},{&quot;src&quot;:&quot;https:\\\/\\\/www.garciafaura.com\\\/wp-content\\\/uploads\\\/2018\\\/10\\\/Mercat-Guinardo-08.jpg&quot;,&quot;title&quot;:&quot;Fachada y cerramientos en aluminio y vidrio&quot;},{&quot;src&quot;:&quot;https:\\\/\\\/www.garciafaura.com\\\/wp-content\\\/uploads\\\/2018\\\/10\\\/Mercat-Guinardo-09.jpg&quot;,&quot;title&quot;:&quot;Fachada y cerramientos en aluminio y vidrio&quot;},{&quot;src&quot;:&quot;https:\\\/\\\/www.garciafaura.com\\\/wp-content\\\/uploads\\\/2018\\\/10\\\/Mercat-Guinardo-07.jpg&quot;,&quot;title&quot;:&quot;Fachada y cerramientos en aluminio y vidrio&quot;},{&quot;src&quot;:&quot;https:\\\/\\\/www.garciafaura.com\\\/wp-content\\\/uploads\\\/2018\\\/10\\\/Mercat-Guinardo-06.jpg&quot;,&quot;title&quot;:&quot;Fachada y cerramientos en aluminio y vidrio&quot;},{&quot;src&quot;:&quot;https:\\\/\\\/www.garciafaura.com\\\/wp-content\\\/uploads\\\/2018\\\/10\\\/Mercat-Guinardo-05.jpg&quot;,&quot;title&quot;:&quot;Fachada y cerramientos en aluminio y vidrio&quot;},{&quot;src&quot;:&quot;https:\\\/\\\/www.garciafaura.com\\\/wp-content\\\/uploads\\\/2018\\\/10\\\/Mercat-Guinardo-04.jpg&quot;,&quot;title&quot;:&quot;Fachada y cerramientos en aluminio y vidrio&quot;},{&quot;src&quot;:&quot;https:\\\/\\\/www.garciafaura.com\\\/wp-content\\\/uploads\\\/2018\\\/10\\\/Mercat-Guinardo-03.jpg&quot;,&quot;title&quot;:&quot;Fachada y cerramientos en aluminio y vidrio&quot;},{&quot;src&quot;:&quot;https:\\\/\\\/www.garciafaura.com\\\/wp-content\\\/uploads\\\/2018\\\/10\\\/Mercat-Guinardo-02.jpg&quot;,&quot;title&quot;:&quot;Fachada y cerramientos en aluminio y vidrio&quot;}]\"><img loading=\"lazy\" decoding=\"async\" data-no-lazy=\"1\" class=\"portfolio-entry-img skip-lazy\" src=\"https:\/\/www.garciafaura.com\/wp-content\/uploads\/2018\/10\/Mercat-Guinardo-10-600x314.jpg\" alt=\"Fachada Y Cerramientos En Aluminio Y Vidrio\" data-no-retina width=\"600\" height=\"314\" \/><\/a><\/div><div class=\"portfolio-entry-details entry-details wpex-clr\"><h2 class=\"portfolio-entry-title entry-title\"><a href=\"https:\/\/www.garciafaura.com\/es\/portfolio-item\/mercat-del-guinardo\/\" title=\"Mercat del Guinard\u00f3\">Mercat del Guinard\u00f3<\/a><\/h2><div class=\"portfolio-entry-categories entry-categories wpex-clr\"><a href=\"https:\/\/www.garciafaura.com\/es\/portfolio-category\/edificios-de-servicios\/\" class=\"term-49\">Edificios de Servicios<\/a><\/div><\/div><\/div><\/div><div class=\"portfolio-entry vcex-grid-item entry-has-details span_1_of_3 col col-1 vcex-isotope-entry vcex-no-margin-entry post-17864 entry type-portfolio has-media cat-49 cat-50 cat-118 cat-119 translation_priority-6\"><div class=\"portfolio-entry-inner entry-inner wpex-clr\"><div class=\"portfolio-entry-media entry-media wpex-clr\"><a href=\"https:\/\/www.garciafaura.com\/wp-content\/uploads\/2018\/10\/Tanatori-Hospitalet-Ronda-02.jpg\" title=\"Tanatorio L&#8217;Hospitalet Ronda\" class=\"portfolio-entry-media-link wpex-lightbox-gallery\" data-gallery=\"[{&quot;src&quot;:&quot;https:\\\/\\\/www.garciafaura.com\\\/wp-content\\\/uploads\\\/2018\\\/10\\\/Tanatori-Hospitalet-Ronda-01.jpg&quot;,&quot;title&quot;:&quot;Cerramientos de aluminio, muro cortina, lucernas y mamparas de este nuevo equipamiento.&quot;},{&quot;src&quot;:&quot;https:\\\/\\\/www.garciafaura.com\\\/wp-content\\\/uploads\\\/2018\\\/10\\\/Tanatori-Hospitalet-Ronda-38.jpg&quot;,&quot;title&quot;:&quot;Cerramientos de aluminio, muro cortina, lucernas y mamparas de este nuevo equipamiento.&quot;},{&quot;src&quot;:&quot;https:\\\/\\\/www.garciafaura.com\\\/wp-content\\\/uploads\\\/2018\\\/10\\\/Tanatori-Hospitalet-Ronda-37.jpg&quot;,&quot;title&quot;:&quot;Cerramientos de aluminio, muro cortina, lucernas y mamparas de este nuevo equipamiento.&quot;},{&quot;src&quot;:&quot;https:\\\/\\\/www.garciafaura.com\\\/wp-content\\\/uploads\\\/2018\\\/10\\\/Tanatori-Hospitalet-Ronda-36.jpg&quot;,&quot;title&quot;:&quot;Cerramientos de aluminio, muro cortina, lucernas y mamparas de este nuevo equipamiento.&quot;},{&quot;src&quot;:&quot;https:\\\/\\\/www.garciafaura.com\\\/wp-content\\\/uploads\\\/2018\\\/10\\\/Tanatori-Hospitalet-Ronda-35.jpg&quot;,&quot;title&quot;:&quot;Cerramientos de aluminio, muro cortina, lucernas y mamparas de este nuevo equipamiento.&quot;},{&quot;src&quot;:&quot;https:\\\/\\\/www.garciafaura.com\\\/wp-content\\\/uploads\\\/2018\\\/10\\\/Tanatori-Hospitalet-Ronda-34.jpg&quot;,&quot;title&quot;:&quot;Cerramientos de aluminio, muro cortina, lucernas y mamparas de este nuevo equipamiento.&quot;},{&quot;src&quot;:&quot;https:\\\/\\\/www.garciafaura.com\\\/wp-content\\\/uploads\\\/2018\\\/10\\\/Tanatori-Hospitalet-Ronda-33.jpg&quot;,&quot;title&quot;:&quot;Cerramientos de aluminio, muro cortina, lucernas y mamparas de este nuevo equipamiento.&quot;},{&quot;src&quot;:&quot;https:\\\/\\\/www.garciafaura.com\\\/wp-content\\\/uploads\\\/2018\\\/10\\\/Tanatori-Hospitalet-Ronda-32.jpg&quot;,&quot;title&quot;:&quot;Cerramientos de aluminio, muro cortina, lucernas y mamparas de este nuevo equipamiento.&quot;},{&quot;src&quot;:&quot;https:\\\/\\\/www.garciafaura.com\\\/wp-content\\\/uploads\\\/2018\\\/10\\\/Tanatori-Hospitalet-Ronda-31.jpg&quot;,&quot;title&quot;:&quot;Cerramientos de aluminio, muro cortina, lucernas y mamparas de este nuevo equipamiento.&quot;},{&quot;src&quot;:&quot;https:\\\/\\\/www.garciafaura.com\\\/wp-content\\\/uploads\\\/2018\\\/10\\\/Tanatori-Hospitalet-Ronda-30.jpg&quot;,&quot;title&quot;:&quot;Cerramientos de aluminio, muro cortina, lucernas y mamparas de este nuevo equipamiento.&quot;},{&quot;src&quot;:&quot;https:\\\/\\\/www.garciafaura.com\\\/wp-content\\\/uploads\\\/2018\\\/10\\\/Tanatori-Hospitalet-Ronda-29.jpg&quot;,&quot;title&quot;:&quot;Cerramientos de aluminio, muro cortina, lucernas y mamparas de este nuevo equipamiento.&quot;},{&quot;src&quot;:&quot;https:\\\/\\\/www.garciafaura.com\\\/wp-content\\\/uploads\\\/2018\\\/10\\\/Tanatori-Hospitalet-Ronda-28.jpg&quot;,&quot;title&quot;:&quot;Cerramientos de aluminio, muro cortina, lucernas y mamparas de este nuevo equipamiento.&quot;},{&quot;src&quot;:&quot;https:\\\/\\\/www.garciafaura.com\\\/wp-content\\\/uploads\\\/2018\\\/10\\\/Tanatori-Hospitalet-Ronda-27.jpg&quot;,&quot;title&quot;:&quot;Cerramientos de aluminio, muro cortina, lucernas y mamparas de este nuevo equipamiento.&quot;},{&quot;src&quot;:&quot;https:\\\/\\\/www.garciafaura.com\\\/wp-content\\\/uploads\\\/2018\\\/10\\\/Tanatori-Hospitalet-Ronda-26.jpg&quot;,&quot;title&quot;:&quot;Cerramientos de aluminio, muro cortina, lucernas y mamparas de este nuevo equipamiento.&quot;},{&quot;src&quot;:&quot;https:\\\/\\\/www.garciafaura.com\\\/wp-content\\\/uploads\\\/2018\\\/10\\\/Tanatori-Hospitalet-Ronda-25.jpg&quot;,&quot;title&quot;:&quot;Cerramientos de aluminio, muro cortina, lucernas y mamparas de este nuevo equipamiento.&quot;},{&quot;src&quot;:&quot;https:\\\/\\\/www.garciafaura.com\\\/wp-content\\\/uploads\\\/2018\\\/10\\\/Tanatori-Hospitalet-Ronda-24.jpg&quot;,&quot;title&quot;:&quot;Cerramientos de aluminio, muro cortina, lucernas y mamparas de este nuevo equipamiento.&quot;},{&quot;src&quot;:&quot;https:\\\/\\\/www.garciafaura.com\\\/wp-content\\\/uploads\\\/2018\\\/10\\\/Tanatori-Hospitalet-Ronda-23.jpg&quot;,&quot;title&quot;:&quot;Cerramientos de aluminio, muro cortina, lucernas y mamparas de este nuevo equipamiento.&quot;},{&quot;src&quot;:&quot;https:\\\/\\\/www.garciafaura.com\\\/wp-content\\\/uploads\\\/2018\\\/10\\\/Tanatori-Hospitalet-Ronda-22.jpg&quot;,&quot;title&quot;:&quot;Cerramientos de aluminio, muro cortina, lucernas y mamparas de este nuevo equipamiento.&quot;},{&quot;src&quot;:&quot;https:\\\/\\\/www.garciafaura.com\\\/wp-content\\\/uploads\\\/2018\\\/10\\\/Tanatori-Hospitalet-Ronda-21.jpg&quot;,&quot;title&quot;:&quot;Cerramientos de aluminio, muro cortina, lucernas y mamparas de este nuevo equipamiento.&quot;},{&quot;src&quot;:&quot;https:\\\/\\\/www.garciafaura.com\\\/wp-content\\\/uploads\\\/2018\\\/10\\\/Tanatori-Hospitalet-Ronda-20.jpg&quot;,&quot;title&quot;:&quot;Cerramientos de aluminio, muro cortina, lucernas y mamparas de este nuevo equipamiento.&quot;},{&quot;src&quot;:&quot;https:\\\/\\\/www.garciafaura.com\\\/wp-content\\\/uploads\\\/2018\\\/10\\\/Tanatori-Hospitalet-Ronda-19.jpg&quot;,&quot;title&quot;:&quot;Cerramientos de aluminio, muro cortina, lucernas y mamparas de este nuevo equipamiento.&quot;},{&quot;src&quot;:&quot;https:\\\/\\\/www.garciafaura.com\\\/wp-content\\\/uploads\\\/2018\\\/10\\\/Tanatori-Hospitalet-Ronda-18.jpg&quot;,&quot;title&quot;:&quot;Cerramientos de aluminio, muro cortina, lucernas y mamparas de este nuevo equipamiento.&quot;},{&quot;src&quot;:&quot;https:\\\/\\\/www.garciafaura.com\\\/wp-content\\\/uploads\\\/2018\\\/10\\\/Tanatori-Hospitalet-Ronda-17.jpg&quot;,&quot;title&quot;:&quot;Cerramientos de aluminio, muro cortina, lucernas y mamparas de este nuevo equipamiento.&quot;},{&quot;src&quot;:&quot;https:\\\/\\\/www.garciafaura.com\\\/wp-content\\\/uploads\\\/2018\\\/10\\\/Tanatori-Hospitalet-Ronda-16.jpg&quot;,&quot;title&quot;:&quot;Cerramientos de aluminio, muro cortina, lucernas y mamparas de este nuevo equipamiento.&quot;},{&quot;src&quot;:&quot;https:\\\/\\\/www.garciafaura.com\\\/wp-content\\\/uploads\\\/2018\\\/10\\\/Tanatori-Hospitalet-Ronda-15.jpg&quot;,&quot;title&quot;:&quot;Cerramientos de aluminio, muro cortina, lucernas y mamparas de este nuevo equipamiento.&quot;},{&quot;src&quot;:&quot;https:\\\/\\\/www.garciafaura.com\\\/wp-content\\\/uploads\\\/2018\\\/10\\\/Tanatori-Hospitalet-Ronda-14.jpg&quot;,&quot;title&quot;:&quot;Cerramientos de aluminio, muro cortina, lucernas y mamparas de este nuevo equipamiento.&quot;},{&quot;src&quot;:&quot;https:\\\/\\\/www.garciafaura.com\\\/wp-content\\\/uploads\\\/2018\\\/10\\\/Tanatori-Hospitalet-Ronda-13.jpg&quot;,&quot;title&quot;:&quot;Cerramientos de aluminio, muro cortina, lucernas y mamparas de este nuevo equipamiento.&quot;},{&quot;src&quot;:&quot;https:\\\/\\\/www.garciafaura.com\\\/wp-content\\\/uploads\\\/2018\\\/10\\\/Tanatori-Hospitalet-Ronda-12.jpg&quot;,&quot;title&quot;:&quot;Cerramientos de aluminio, muro cortina, lucernas y mamparas de este nuevo equipamiento.&quot;},{&quot;src&quot;:&quot;https:\\\/\\\/www.garciafaura.com\\\/wp-content\\\/uploads\\\/2018\\\/10\\\/Tanatori-Hospitalet-Ronda-11.jpg&quot;,&quot;title&quot;:&quot;Cerramientos de aluminio, muro cortina, lucernas y mamparas de este nuevo equipamiento.&quot;},{&quot;src&quot;:&quot;https:\\\/\\\/www.garciafaura.com\\\/wp-content\\\/uploads\\\/2018\\\/10\\\/Tanatori-Hospitalet-Ronda-10.jpg&quot;,&quot;title&quot;:&quot;Cerramientos de aluminio, muro cortina, lucernas y mamparas de este nuevo equipamiento.&quot;},{&quot;src&quot;:&quot;https:\\\/\\\/www.garciafaura.com\\\/wp-content\\\/uploads\\\/2018\\\/10\\\/Tanatori-Hospitalet-Ronda-09.jpg&quot;,&quot;title&quot;:&quot;Cerramientos de aluminio, muro cortina, lucernas y mamparas de este nuevo equipamiento.&quot;},{&quot;src&quot;:&quot;https:\\\/\\\/www.garciafaura.com\\\/wp-content\\\/uploads\\\/2018\\\/10\\\/Tanatori-Hospitalet-Ronda-08.jpg&quot;,&quot;title&quot;:&quot;Cerramientos de aluminio, muro cortina, lucernas y mamparas de este nuevo equipamiento.&quot;},{&quot;src&quot;:&quot;https:\\\/\\\/www.garciafaura.com\\\/wp-content\\\/uploads\\\/2018\\\/10\\\/Tanatori-Hospitalet-Ronda-07.jpg&quot;,&quot;title&quot;:&quot;Cerramientos de aluminio, muro cortina, lucernas y mamparas de este nuevo equipamiento.&quot;},{&quot;src&quot;:&quot;https:\\\/\\\/www.garciafaura.com\\\/wp-content\\\/uploads\\\/2018\\\/10\\\/Tanatori-Hospitalet-Ronda-06.jpg&quot;,&quot;title&quot;:&quot;Cerramientos de aluminio, muro cortina, lucernas y mamparas de este nuevo equipamiento.&quot;},{&quot;src&quot;:&quot;https:\\\/\\\/www.garciafaura.com\\\/wp-content\\\/uploads\\\/2018\\\/10\\\/Tanatori-Hospitalet-Ronda-05.jpg&quot;,&quot;title&quot;:&quot;Cerramientos de aluminio, muro cortina, lucernas y mamparas de este nuevo equipamiento.&quot;},{&quot;src&quot;:&quot;https:\\\/\\\/www.garciafaura.com\\\/wp-content\\\/uploads\\\/2018\\\/10\\\/Tanatori-Hospitalet-Ronda-04.jpg&quot;,&quot;title&quot;:&quot;Cerramientos de aluminio, muro cortina, lucernas y mamparas de este nuevo equipamiento.&quot;},{&quot;src&quot;:&quot;https:\\\/\\\/www.garciafaura.com\\\/wp-content\\\/uploads\\\/2018\\\/10\\\/Tanatori-Hospitalet-Ronda-02.jpg&quot;,&quot;title&quot;:&quot;Cerramientos de aluminio, muro cortina, lucernas y mamparas de este nuevo equipamiento.&quot;},{&quot;src&quot;:&quot;https:\\\/\\\/www.garciafaura.com\\\/wp-content\\\/uploads\\\/2018\\\/10\\\/Tanatori-Hospitalet-Ronda-03.jpg&quot;,&quot;title&quot;:&quot;Cerramientos de aluminio, muro cortina, lucernas y mamparas de este nuevo equipamiento.&quot;}]\"><img loading=\"lazy\" decoding=\"async\" data-no-lazy=\"1\" class=\"portfolio-entry-img skip-lazy\" src=\"https:\/\/www.garciafaura.com\/wp-content\/uploads\/2018\/10\/Tanatori-Hospitalet-Ronda-02-600x314.jpg\" alt=\"Cerramientos De Aluminio, Muro Cortina, Lucernas Y Mamparas De Este Nuevo Equipamiento.\" data-no-retina width=\"600\" height=\"314\" \/><\/a><\/div><div class=\"portfolio-entry-details entry-details wpex-clr\"><h2 class=\"portfolio-entry-title entry-title\"><a href=\"https:\/\/www.garciafaura.com\/es\/portfolio-item\/tanatorio-lhospitalet-ronda\/\" title=\"Tanatorio L&#8217;Hospitalet Ronda\">Tanatorio L&#8217;Hospitalet Ronda<\/a><\/h2><div class=\"portfolio-entry-categories entry-categories wpex-clr\"><a href=\"https:\/\/www.garciafaura.com\/es\/portfolio-category\/edificios-de-servicios\/\" class=\"term-49\">Edificios de Servicios<\/a><\/div><\/div><\/div><\/div><div class=\"portfolio-entry vcex-grid-item entry-has-details span_1_of_3 col col-2 vcex-isotope-entry vcex-no-margin-entry post-17861 entry type-portfolio has-media cat-49 translation_priority-6\"><div class=\"portfolio-entry-inner entry-inner wpex-clr\"><div class=\"portfolio-entry-media entry-media wpex-clr\"><a href=\"https:\/\/www.garciafaura.com\/wp-content\/uploads\/2018\/10\/Estacions-Sabadell-04.jpg\" title=\"Estaciones FGC Sabadell\" class=\"portfolio-entry-media-link wpex-lightbox-gallery\" data-gallery=\"[{&quot;src&quot;:&quot;https:\\\/\\\/www.garciafaura.com\\\/wp-content\\\/uploads\\\/2018\\\/10\\\/Estacions-Sabadell-01.jpg&quot;,&quot;title&quot;:&quot;Fachadas, cubiertas y revestimientos en chapa y composite&quot;},{&quot;src&quot;:&quot;https:\\\/\\\/www.garciafaura.com\\\/wp-content\\\/uploads\\\/2018\\\/10\\\/Estacions-Sabadell-49.jpg&quot;,&quot;title&quot;:&quot;Fachadas, cubiertas y revestimientos en chapa y composite&quot;},{&quot;src&quot;:&quot;https:\\\/\\\/www.garciafaura.com\\\/wp-content\\\/uploads\\\/2018\\\/10\\\/Estacions-Sabadell-48.jpg&quot;,&quot;title&quot;:&quot;Fachadas, cubiertas y revestimientos en chapa y composite&quot;},{&quot;src&quot;:&quot;https:\\\/\\\/www.garciafaura.com\\\/wp-content\\\/uploads\\\/2018\\\/10\\\/Estacions-Sabadell-47.jpg&quot;,&quot;title&quot;:&quot;Fachadas, cubiertas y revestimientos en chapa y composite&quot;},{&quot;src&quot;:&quot;https:\\\/\\\/www.garciafaura.com\\\/wp-content\\\/uploads\\\/2018\\\/10\\\/Estacions-Sabadell-46.jpg&quot;,&quot;title&quot;:&quot;Fachadas, cubiertas y revestimientos en chapa y composite&quot;},{&quot;src&quot;:&quot;https:\\\/\\\/www.garciafaura.com\\\/wp-content\\\/uploads\\\/2018\\\/10\\\/Estacions-Sabadell-45.jpg&quot;,&quot;title&quot;:&quot;Fachadas, cubiertas y revestimientos en chapa y composite&quot;},{&quot;src&quot;:&quot;https:\\\/\\\/www.garciafaura.com\\\/wp-content\\\/uploads\\\/2018\\\/10\\\/Estacions-Sabadell-44.jpg&quot;,&quot;title&quot;:&quot;Fachadas, cubiertas y revestimientos en chapa y composite&quot;},{&quot;src&quot;:&quot;https:\\\/\\\/www.garciafaura.com\\\/wp-content\\\/uploads\\\/2018\\\/10\\\/Estacions-Sabadell-43.jpg&quot;,&quot;title&quot;:&quot;Fachadas, cubiertas y revestimientos en chapa y composite&quot;},{&quot;src&quot;:&quot;https:\\\/\\\/www.garciafaura.com\\\/wp-content\\\/uploads\\\/2018\\\/10\\\/Estacions-Sabadell-42.jpg&quot;},{&quot;src&quot;:&quot;https:\\\/\\\/www.garciafaura.com\\\/wp-content\\\/uploads\\\/2018\\\/10\\\/Estacions-Sabadell-41.jpg&quot;,&quot;title&quot;:&quot;Fachadas, cubiertas y revestimientos en chapa y composite&quot;},{&quot;src&quot;:&quot;https:\\\/\\\/www.garciafaura.com\\\/wp-content\\\/uploads\\\/2018\\\/10\\\/Estacions-Sabadell-40.jpg&quot;,&quot;title&quot;:&quot;Fachadas, cubiertas y revestimientos en chapa y composite&quot;},{&quot;src&quot;:&quot;https:\\\/\\\/www.garciafaura.com\\\/wp-content\\\/uploads\\\/2018\\\/10\\\/Estacions-Sabadell-39.jpg&quot;,&quot;title&quot;:&quot;Fachadas, cubiertas y revestimientos en chapa y composite&quot;},{&quot;src&quot;:&quot;https:\\\/\\\/www.garciafaura.com\\\/wp-content\\\/uploads\\\/2018\\\/10\\\/Estacions-Sabadell-38.jpg&quot;,&quot;title&quot;:&quot;Fachadas, cubiertas y revestimientos en chapa y composite&quot;},{&quot;src&quot;:&quot;https:\\\/\\\/www.garciafaura.com\\\/wp-content\\\/uploads\\\/2018\\\/10\\\/Estacions-Sabadell-37.jpg&quot;,&quot;title&quot;:&quot;Fachadas, cubiertas y revestimientos en chapa y composite&quot;},{&quot;src&quot;:&quot;https:\\\/\\\/www.garciafaura.com\\\/wp-content\\\/uploads\\\/2018\\\/10\\\/Estacions-Sabadell-36.jpg&quot;,&quot;title&quot;:&quot;Fachadas, cubiertas y revestimientos en chapa y composite&quot;},{&quot;src&quot;:&quot;https:\\\/\\\/www.garciafaura.com\\\/wp-content\\\/uploads\\\/2018\\\/10\\\/Estacions-Sabadell-35.jpg&quot;,&quot;title&quot;:&quot;Fachadas, cubiertas y revestimientos en chapa y composite&quot;},{&quot;src&quot;:&quot;https:\\\/\\\/www.garciafaura.com\\\/wp-content\\\/uploads\\\/2018\\\/10\\\/Estacions-Sabadell-34.jpg&quot;,&quot;title&quot;:&quot;Fachadas, cubiertas y revestimientos en chapa y composite&quot;},{&quot;src&quot;:&quot;https:\\\/\\\/www.garciafaura.com\\\/wp-content\\\/uploads\\\/2018\\\/10\\\/Estacions-Sabadell-33.jpg&quot;,&quot;title&quot;:&quot;Fachadas, cubiertas y revestimientos en chapa y composite&quot;},{&quot;src&quot;:&quot;https:\\\/\\\/www.garciafaura.com\\\/wp-content\\\/uploads\\\/2018\\\/10\\\/Estacions-Sabadell-32.jpg&quot;,&quot;title&quot;:&quot;Fachadas, cubiertas y revestimientos en chapa y composite&quot;},{&quot;src&quot;:&quot;https:\\\/\\\/www.garciafaura.com\\\/wp-content\\\/uploads\\\/2018\\\/10\\\/Estacions-Sabadell-31.jpg&quot;,&quot;title&quot;:&quot;Fachadas, cubiertas y revestimientos en chapa y composite&quot;},{&quot;src&quot;:&quot;https:\\\/\\\/www.garciafaura.com\\\/wp-content\\\/uploads\\\/2018\\\/10\\\/Estacions-Sabadell-30.jpg&quot;,&quot;title&quot;:&quot;Fachadas, cubiertas y revestimientos en chapa y composite&quot;},{&quot;src&quot;:&quot;https:\\\/\\\/www.garciafaura.com\\\/wp-content\\\/uploads\\\/2018\\\/10\\\/Estacions-Sabadell-29.jpg&quot;,&quot;title&quot;:&quot;Fachadas, cubiertas y revestimientos en chapa y composite&quot;},{&quot;src&quot;:&quot;https:\\\/\\\/www.garciafaura.com\\\/wp-content\\\/uploads\\\/2018\\\/10\\\/Estacions-Sabadell-28.jpg&quot;},{&quot;src&quot;:&quot;https:\\\/\\\/www.garciafaura.com\\\/wp-content\\\/uploads\\\/2018\\\/10\\\/Estacions-Sabadell-27.jpg&quot;},{&quot;src&quot;:&quot;https:\\\/\\\/www.garciafaura.com\\\/wp-content\\\/uploads\\\/2018\\\/10\\\/Estacions-Sabadell-26.jpg&quot;,&quot;title&quot;:&quot;Fachadas, cubiertas y revestimientos en chapa y composite&quot;},{&quot;src&quot;:&quot;https:\\\/\\\/www.garciafaura.com\\\/wp-content\\\/uploads\\\/2018\\\/10\\\/Estacions-Sabadell-25.jpg&quot;,&quot;title&quot;:&quot;Fachadas, cubiertas y revestimientos en chapa y composite&quot;},{&quot;src&quot;:&quot;https:\\\/\\\/www.garciafaura.com\\\/wp-content\\\/uploads\\\/2018\\\/10\\\/Estacions-Sabadell-24.jpg&quot;,&quot;title&quot;:&quot;Fachadas, cubiertas y revestimientos en chapa y composite&quot;},{&quot;src&quot;:&quot;https:\\\/\\\/www.garciafaura.com\\\/wp-content\\\/uploads\\\/2018\\\/10\\\/Estacions-Sabadell-23.jpg&quot;,&quot;title&quot;:&quot;Fachadas, cubiertas y revestimientos en chapa y composite&quot;},{&quot;src&quot;:&quot;https:\\\/\\\/www.garciafaura.com\\\/wp-content\\\/uploads\\\/2018\\\/10\\\/Estacions-Sabadell-22.jpg&quot;,&quot;title&quot;:&quot;Fachadas, cubiertas y revestimientos en chapa y composite&quot;},{&quot;src&quot;:&quot;https:\\\/\\\/www.garciafaura.com\\\/wp-content\\\/uploads\\\/2018\\\/10\\\/Estacions-Sabadell-21.jpg&quot;,&quot;title&quot;:&quot;Fachadas, cubiertas y revestimientos en chapa y composite&quot;},{&quot;src&quot;:&quot;https:\\\/\\\/www.garciafaura.com\\\/wp-content\\\/uploads\\\/2018\\\/10\\\/Estacions-Sabadell-20.jpg&quot;,&quot;title&quot;:&quot;Fachadas, cubiertas y revestimientos en chapa y composite&quot;},{&quot;src&quot;:&quot;https:\\\/\\\/www.garciafaura.com\\\/wp-content\\\/uploads\\\/2018\\\/10\\\/Estacions-Sabadell-19.jpg&quot;,&quot;title&quot;:&quot;Fachadas, cubiertas y revestimientos en chapa y composite&quot;},{&quot;src&quot;:&quot;https:\\\/\\\/www.garciafaura.com\\\/wp-content\\\/uploads\\\/2018\\\/10\\\/Estacions-Sabadell-18.jpg&quot;,&quot;title&quot;:&quot;Fachadas, cubiertas y revestimientos en chapa y composite&quot;},{&quot;src&quot;:&quot;https:\\\/\\\/www.garciafaura.com\\\/wp-content\\\/uploads\\\/2018\\\/10\\\/Estacions-Sabadell-17.jpg&quot;,&quot;title&quot;:&quot;Fachadas, cubiertas y revestimientos en chapa y composite&quot;},{&quot;src&quot;:&quot;https:\\\/\\\/www.garciafaura.com\\\/wp-content\\\/uploads\\\/2018\\\/10\\\/Estacions-Sabadell-16.jpg&quot;,&quot;title&quot;:&quot;Fachadas, cubiertas y revestimientos en chapa y composite&quot;},{&quot;src&quot;:&quot;https:\\\/\\\/www.garciafaura.com\\\/wp-content\\\/uploads\\\/2018\\\/10\\\/Estacions-Sabadell-15.jpg&quot;},{&quot;src&quot;:&quot;https:\\\/\\\/www.garciafaura.com\\\/wp-content\\\/uploads\\\/2018\\\/10\\\/Estacions-Sabadell-14.jpg&quot;,&quot;title&quot;:&quot;Fachadas, cubiertas y revestimientos en chapa y composite&quot;},{&quot;src&quot;:&quot;https:\\\/\\\/www.garciafaura.com\\\/wp-content\\\/uploads\\\/2018\\\/10\\\/Estacions-Sabadell-13.jpg&quot;,&quot;title&quot;:&quot;Fachadas, cubiertas y revestimientos en chapa y composite&quot;},{&quot;src&quot;:&quot;https:\\\/\\\/www.garciafaura.com\\\/wp-content\\\/uploads\\\/2018\\\/10\\\/Estacions-Sabadell-12.jpg&quot;,&quot;title&quot;:&quot;Fachadas, cubiertas y revestimientos en chapa y composite&quot;},{&quot;src&quot;:&quot;https:\\\/\\\/www.garciafaura.com\\\/wp-content\\\/uploads\\\/2018\\\/10\\\/Estacions-Sabadell-11.jpg&quot;,&quot;title&quot;:&quot;Fachadas, cubiertas y revestimientos en chapa y composite&quot;},{&quot;src&quot;:&quot;https:\\\/\\\/www.garciafaura.com\\\/wp-content\\\/uploads\\\/2018\\\/10\\\/Estacions-Sabadell-10.jpg&quot;,&quot;title&quot;:&quot;Fachadas, cubiertas y revestimientos en chapa y composite&quot;},{&quot;src&quot;:&quot;https:\\\/\\\/www.garciafaura.com\\\/wp-content\\\/uploads\\\/2018\\\/10\\\/Estacions-Sabadell-09.jpg&quot;,&quot;title&quot;:&quot;Fachadas, cubiertas y revestimientos en chapa y composite&quot;},{&quot;src&quot;:&quot;https:\\\/\\\/www.garciafaura.com\\\/wp-content\\\/uploads\\\/2018\\\/10\\\/Estacions-Sabadell-08.jpg&quot;},{&quot;src&quot;:&quot;https:\\\/\\\/www.garciafaura.com\\\/wp-content\\\/uploads\\\/2018\\\/10\\\/Estacions-Sabadell-07.jpg&quot;},{&quot;src&quot;:&quot;https:\\\/\\\/www.garciafaura.com\\\/wp-content\\\/uploads\\\/2018\\\/10\\\/Estacions-Sabadell-06.jpg&quot;,&quot;title&quot;:&quot;Fachadas, cubiertas y revestimientos en chapa y composite&quot;},{&quot;src&quot;:&quot;https:\\\/\\\/www.garciafaura.com\\\/wp-content\\\/uploads\\\/2018\\\/10\\\/Estacions-Sabadell-05.jpg&quot;,&quot;title&quot;:&quot;Fachadas, cubiertas y revestimientos en chapa y composite&quot;},{&quot;src&quot;:&quot;https:\\\/\\\/www.garciafaura.com\\\/wp-content\\\/uploads\\\/2018\\\/10\\\/Estacions-Sabadell-04.jpg&quot;,&quot;title&quot;:&quot;Fachadas, cubiertas y revestimientos en chapa y composite&quot;},{&quot;src&quot;:&quot;https:\\\/\\\/www.garciafaura.com\\\/wp-content\\\/uploads\\\/2018\\\/10\\\/Estacions-Sabadell-03.jpg&quot;,&quot;title&quot;:&quot;Fachadas, cubiertas y revestimientos en chapa y composite&quot;},{&quot;src&quot;:&quot;https:\\\/\\\/www.garciafaura.com\\\/wp-content\\\/uploads\\\/2018\\\/10\\\/Estacions-Sabadell-02.jpg&quot;,&quot;title&quot;:&quot;Fachadas, cubiertas y revestimientos en chapa y composite&quot;}]\"><img loading=\"lazy\" decoding=\"async\" data-no-lazy=\"1\" class=\"portfolio-entry-img skip-lazy\" src=\"https:\/\/www.garciafaura.com\/wp-content\/uploads\/2018\/10\/Estacions-Sabadell-04-600x314.jpg\" alt=\"Fachadas, Cubiertas Y Revestimientos En Chapa Y Composite\" data-no-retina width=\"600\" height=\"314\" \/><\/a><\/div><div class=\"portfolio-entry-details entry-details wpex-clr\"><h2 class=\"portfolio-entry-title entry-title\"><a href=\"https:\/\/www.garciafaura.com\/es\/portfolio-item\/estaciones-fgc-sabadell\/\" title=\"Estaciones FGC Sabadell\">Estaciones FGC Sabadell<\/a><\/h2><div class=\"portfolio-entry-categories entry-categories wpex-clr\"><a href=\"https:\/\/www.garciafaura.com\/es\/portfolio-category\/edificios-de-servicios\/\" class=\"term-49\">Edificios de Servicios<\/a><\/div><\/div><\/div><\/div><div class=\"portfolio-entry vcex-grid-item entry-has-details span_1_of_3 col col-3 vcex-isotope-entry vcex-no-margin-entry post-17855 entry type-portfolio has-media cat-49 translation_priority-6\"><div class=\"portfolio-entry-inner entry-inner wpex-clr\"><div class=\"portfolio-entry-media entry-media wpex-clr\"><a href=\"https:\/\/www.garciafaura.com\/wp-content\/uploads\/2018\/10\/UPC-Diagonal-04.jpg\" title=\"Campus UPC Diagonal Bes\u00f2s\" class=\"portfolio-entry-media-link wpex-lightbox-gallery\" data-gallery=\"[{&quot;src&quot;:&quot;https:\\\/\\\/www.garciafaura.com\\\/wp-content\\\/uploads\\\/2018\\\/10\\\/UPC-Diagonal-01.jpg&quot;,&quot;title&quot;:&quot;10.000 m2 de cerramientos de aluminio y vidrio&quot;},{&quot;src&quot;:&quot;https:\\\/\\\/www.garciafaura.com\\\/wp-content\\\/uploads\\\/2018\\\/10\\\/UPC-Diagonal-33.jpg&quot;,&quot;title&quot;:&quot;10.000 m2 de cerramientos de aluminio y vidrio&quot;},{&quot;src&quot;:&quot;https:\\\/\\\/www.garciafaura.com\\\/wp-content\\\/uploads\\\/2018\\\/10\\\/UPC-Diagonal-32.jpg&quot;,&quot;title&quot;:&quot;10.000 m2 de cerramientos de aluminio y vidrio&quot;},{&quot;src&quot;:&quot;https:\\\/\\\/www.garciafaura.com\\\/wp-content\\\/uploads\\\/2018\\\/10\\\/UPC-Diagonal-31.jpg&quot;,&quot;title&quot;:&quot;10.000 m2 de cerramientos de aluminio y vidrio&quot;},{&quot;src&quot;:&quot;https:\\\/\\\/www.garciafaura.com\\\/wp-content\\\/uploads\\\/2018\\\/10\\\/UPC-Diagonal-30.jpg&quot;,&quot;title&quot;:&quot;10.000 m2 de cerramientos de aluminio y vidrio&quot;},{&quot;src&quot;:&quot;https:\\\/\\\/www.garciafaura.com\\\/wp-content\\\/uploads\\\/2018\\\/10\\\/UPC-Diagonal-29.jpg&quot;,&quot;title&quot;:&quot;10.000 m2 de cerramientos de aluminio y vidrio&quot;},{&quot;src&quot;:&quot;https:\\\/\\\/www.garciafaura.com\\\/wp-content\\\/uploads\\\/2018\\\/10\\\/UPC-Diagonal-28.jpg&quot;,&quot;title&quot;:&quot;10.000 m2 de cerramientos de aluminio y vidrio&quot;},{&quot;src&quot;:&quot;https:\\\/\\\/www.garciafaura.com\\\/wp-content\\\/uploads\\\/2018\\\/10\\\/UPC-Diagonal-27.jpg&quot;,&quot;title&quot;:&quot;10.000 m2 de cerramientos de aluminio y vidrio&quot;},{&quot;src&quot;:&quot;https:\\\/\\\/www.garciafaura.com\\\/wp-content\\\/uploads\\\/2018\\\/10\\\/UPC-Diagonal-26.jpg&quot;,&quot;title&quot;:&quot;10.000 m2 de cerramientos de aluminio y vidrio&quot;},{&quot;src&quot;:&quot;https:\\\/\\\/www.garciafaura.com\\\/wp-content\\\/uploads\\\/2018\\\/10\\\/UPC-Diagonal-25.jpg&quot;,&quot;title&quot;:&quot;10.000 m2 de cerramientos de aluminio y vidrio&quot;},{&quot;src&quot;:&quot;https:\\\/\\\/www.garciafaura.com\\\/wp-content\\\/uploads\\\/2018\\\/10\\\/UPC-Diagonal-24.jpg&quot;,&quot;title&quot;:&quot;10.000 m2 de cerramientos de aluminio y vidrio&quot;},{&quot;src&quot;:&quot;https:\\\/\\\/www.garciafaura.com\\\/wp-content\\\/uploads\\\/2018\\\/10\\\/UPC-Diagonal-23.jpg&quot;,&quot;title&quot;:&quot;10.000 m2 de cerramientos de aluminio y vidrio&quot;},{&quot;src&quot;:&quot;https:\\\/\\\/www.garciafaura.com\\\/wp-content\\\/uploads\\\/2018\\\/10\\\/UPC-Diagonal-22.jpg&quot;,&quot;title&quot;:&quot;10.000 m2 de cerramientos de aluminio y vidrio&quot;},{&quot;src&quot;:&quot;https:\\\/\\\/www.garciafaura.com\\\/wp-content\\\/uploads\\\/2018\\\/10\\\/UPC-Diagonal-21.jpg&quot;,&quot;title&quot;:&quot;10.000 m2 de cerramientos de aluminio y vidrio&quot;},{&quot;src&quot;:&quot;https:\\\/\\\/www.garciafaura.com\\\/wp-content\\\/uploads\\\/2018\\\/10\\\/UPC-Diagonal-20.jpg&quot;,&quot;title&quot;:&quot;10.000 m2 de cerramientos de aluminio y vidrio&quot;},{&quot;src&quot;:&quot;https:\\\/\\\/www.garciafaura.com\\\/wp-content\\\/uploads\\\/2018\\\/10\\\/UPC-Diagonal-19.jpg&quot;,&quot;title&quot;:&quot;10.000 m2 de cerramientos de aluminio y vidrio&quot;},{&quot;src&quot;:&quot;https:\\\/\\\/www.garciafaura.com\\\/wp-content\\\/uploads\\\/2018\\\/10\\\/UPC-Diagonal-18.jpg&quot;,&quot;title&quot;:&quot;10.000 m2 de cerramientos de aluminio y vidrio&quot;},{&quot;src&quot;:&quot;https:\\\/\\\/www.garciafaura.com\\\/wp-content\\\/uploads\\\/2018\\\/10\\\/UPC-Diagonal-17.jpg&quot;,&quot;title&quot;:&quot;10.000 m2 de cerramientos de aluminio y vidrio&quot;},{&quot;src&quot;:&quot;https:\\\/\\\/www.garciafaura.com\\\/wp-content\\\/uploads\\\/2018\\\/10\\\/UPC-Diagonal-16.jpg&quot;,&quot;title&quot;:&quot;10.000 m2 de cerramientos de aluminio y vidrio&quot;},{&quot;src&quot;:&quot;https:\\\/\\\/www.garciafaura.com\\\/wp-content\\\/uploads\\\/2018\\\/10\\\/UPC-Diagonal-15.jpg&quot;,&quot;title&quot;:&quot;10.000 m2 de cerramientos de aluminio y vidrio&quot;},{&quot;src&quot;:&quot;https:\\\/\\\/www.garciafaura.com\\\/wp-content\\\/uploads\\\/2018\\\/10\\\/UPC-Diagonal-14.jpg&quot;,&quot;title&quot;:&quot;10.000 m2 de cerramientos de aluminio y vidrio&quot;},{&quot;src&quot;:&quot;https:\\\/\\\/www.garciafaura.com\\\/wp-content\\\/uploads\\\/2018\\\/10\\\/UPC-Diagonal-13.jpg&quot;,&quot;title&quot;:&quot;10.000 m2 de cerramientos de aluminio y vidrio&quot;},{&quot;src&quot;:&quot;https:\\\/\\\/www.garciafaura.com\\\/wp-content\\\/uploads\\\/2018\\\/10\\\/UPC-Diagonal-12.jpg&quot;,&quot;title&quot;:&quot;10.000 m2 de cerramientos de aluminio y vidrio&quot;},{&quot;src&quot;:&quot;https:\\\/\\\/www.garciafaura.com\\\/wp-content\\\/uploads\\\/2018\\\/10\\\/UPC-Diagonal-11.jpg&quot;,&quot;title&quot;:&quot;10.000 m2 de cerramientos de aluminio y vidrio&quot;},{&quot;src&quot;:&quot;https:\\\/\\\/www.garciafaura.com\\\/wp-content\\\/uploads\\\/2018\\\/10\\\/UPC-Diagonal-10.jpg&quot;,&quot;title&quot;:&quot;10.000 m2 de cerramientos de aluminio y vidrio&quot;},{&quot;src&quot;:&quot;https:\\\/\\\/www.garciafaura.com\\\/wp-content\\\/uploads\\\/2018\\\/10\\\/UPC-Diagonal-09.jpg&quot;,&quot;title&quot;:&quot;10.000 m2 de cerramientos de aluminio y vidrio&quot;},{&quot;src&quot;:&quot;https:\\\/\\\/www.garciafaura.com\\\/wp-content\\\/uploads\\\/2018\\\/10\\\/UPC-Diagonal-08.jpg&quot;,&quot;title&quot;:&quot;10.000 m2 de cerramientos de aluminio y vidrio&quot;},{&quot;src&quot;:&quot;https:\\\/\\\/www.garciafaura.com\\\/wp-content\\\/uploads\\\/2018\\\/10\\\/UPC-Diagonal-07.jpg&quot;,&quot;title&quot;:&quot;10.000 m2 de cerramientos de aluminio y vidrio&quot;},{&quot;src&quot;:&quot;https:\\\/\\\/www.garciafaura.com\\\/wp-content\\\/uploads\\\/2018\\\/10\\\/UPC-Diagonal-06.jpg&quot;,&quot;title&quot;:&quot;10.000 m2 de cerramientos de aluminio y vidrio&quot;},{&quot;src&quot;:&quot;https:\\\/\\\/www.garciafaura.com\\\/wp-content\\\/uploads\\\/2018\\\/10\\\/UPC-Diagonal-05.jpg&quot;,&quot;title&quot;:&quot;10.000 m2 de cerramientos de aluminio y vidrio&quot;},{&quot;src&quot;:&quot;https:\\\/\\\/www.garciafaura.com\\\/wp-content\\\/uploads\\\/2018\\\/10\\\/UPC-Diagonal-04.jpg&quot;,&quot;title&quot;:&quot;10.000 m2 de cerramientos de aluminio y vidrio&quot;},{&quot;src&quot;:&quot;https:\\\/\\\/www.garciafaura.com\\\/wp-content\\\/uploads\\\/2018\\\/10\\\/UPC-Diagonal-03.jpg&quot;,&quot;title&quot;:&quot;10.000 m2 de cerramientos de aluminio y vidrio&quot;},{&quot;src&quot;:&quot;https:\\\/\\\/www.garciafaura.com\\\/wp-content\\\/uploads\\\/2018\\\/10\\\/UPC-Diagonal-02.jpg&quot;,&quot;title&quot;:&quot;10.000 m2 de cerramientos de aluminio y vidrio&quot;}]\"><img loading=\"lazy\" decoding=\"async\" data-no-lazy=\"1\" class=\"portfolio-entry-img skip-lazy\" src=\"https:\/\/www.garciafaura.com\/wp-content\/uploads\/2018\/10\/UPC-Diagonal-04-600x314.jpg\" alt=\"10.000 M2 De Cerramientos De Aluminio Y Vidrio\" data-no-retina width=\"600\" height=\"314\" \/><\/a><\/div><div class=\"portfolio-entry-details entry-details wpex-clr\"><h2 class=\"portfolio-entry-title entry-title\"><a href=\"https:\/\/www.garciafaura.com\/es\/portfolio-item\/campus-upc-diagonal-besos\/\" title=\"Campus UPC Diagonal Bes\u00f2s\">Campus UPC Diagonal Bes\u00f2s<\/a><\/h2><div class=\"portfolio-entry-categories entry-categories wpex-clr\"><a href=\"https:\/\/www.garciafaura.com\/es\/portfolio-category\/edificios-de-servicios\/\" class=\"term-49\">Edificios de Servicios<\/a><\/div><\/div><\/div><\/div><div class=\"portfolio-entry vcex-grid-item entry-has-details span_1_of_3 col col-1 vcex-isotope-entry vcex-no-margin-entry post-17849 entry type-portfolio has-media cat-49 cat-58 translation_priority-6\"><div class=\"portfolio-entry-inner entry-inner wpex-clr\"><div class=\"portfolio-entry-media entry-media wpex-clr\"><a href=\"https:\/\/www.garciafaura.com\/wp-content\/uploads\/2018\/10\/Edifici-Cala\u0300bria-66-01.jpg\" title=\"Edificio Cal\u00e0bria 66\" class=\"portfolio-entry-media-link wpex-lightbox-gallery\" data-gallery=\"[{&quot;src&quot;:&quot;https:\\\/\\\/www.garciafaura.com\\\/wp-content\\\/uploads\\\/2018\\\/10\\\/Edifici-Cala\\u0300bria-66-01.jpg&quot;,&quot;title&quot;:&quot;Cerramientos exteriores del nuevo equipamiento social en Barcelona&quot;},{&quot;src&quot;:&quot;https:\\\/\\\/www.garciafaura.com\\\/wp-content\\\/uploads\\\/2018\\\/10\\\/Edifici-Cala\\u0300bria-66-24.jpg&quot;,&quot;title&quot;:&quot;Cerramientos exteriores del nuevo equipamiento social en Barcelona&quot;},{&quot;src&quot;:&quot;https:\\\/\\\/www.garciafaura.com\\\/wp-content\\\/uploads\\\/2018\\\/10\\\/Edifici-Cala\\u0300bria-66-23.jpg&quot;,&quot;title&quot;:&quot;Cerramientos exteriores del nuevo equipamiento social en Barcelona&quot;},{&quot;src&quot;:&quot;https:\\\/\\\/www.garciafaura.com\\\/wp-content\\\/uploads\\\/2018\\\/10\\\/Edifici-Cala\\u0300bria-66-22.jpg&quot;,&quot;title&quot;:&quot;Cerramientos exteriores del nuevo equipamiento social en Barcelona&quot;},{&quot;src&quot;:&quot;https:\\\/\\\/www.garciafaura.com\\\/wp-content\\\/uploads\\\/2018\\\/10\\\/Edifici-Cala\\u0300bria-66-21.jpg&quot;,&quot;title&quot;:&quot;Cerramientos exteriores del nuevo equipamiento social en Barcelona&quot;},{&quot;src&quot;:&quot;https:\\\/\\\/www.garciafaura.com\\\/wp-content\\\/uploads\\\/2018\\\/10\\\/Edifici-Cala\\u0300bria-66-20.jpg&quot;,&quot;title&quot;:&quot;Cerramientos exteriores del nuevo equipamiento social en Barcelona&quot;},{&quot;src&quot;:&quot;https:\\\/\\\/www.garciafaura.com\\\/wp-content\\\/uploads\\\/2018\\\/10\\\/Edifici-Cala\\u0300bria-66-19.jpg&quot;,&quot;title&quot;:&quot;Cerramientos exteriores del nuevo equipamiento social en Barcelona&quot;},{&quot;src&quot;:&quot;https:\\\/\\\/www.garciafaura.com\\\/wp-content\\\/uploads\\\/2018\\\/10\\\/Edifici-Cala\\u0300bria-66-18.jpg&quot;,&quot;title&quot;:&quot;Cerramientos exteriores del nuevo equipamiento social en Barcelona&quot;},{&quot;src&quot;:&quot;https:\\\/\\\/www.garciafaura.com\\\/wp-content\\\/uploads\\\/2018\\\/10\\\/Edifici-Cala\\u0300bria-66-17.jpg&quot;,&quot;title&quot;:&quot;Cerramientos exteriores del nuevo equipamiento social en Barcelona&quot;},{&quot;src&quot;:&quot;https:\\\/\\\/www.garciafaura.com\\\/wp-content\\\/uploads\\\/2018\\\/10\\\/Edifici-Cala\\u0300bria-66-16.jpg&quot;,&quot;title&quot;:&quot;Cerramientos exteriores del nuevo equipamiento social en Barcelona&quot;},{&quot;src&quot;:&quot;https:\\\/\\\/www.garciafaura.com\\\/wp-content\\\/uploads\\\/2018\\\/10\\\/Edifici-Cala\\u0300bria-66-15.jpg&quot;,&quot;title&quot;:&quot;Cerramientos exteriores del nuevo equipamiento social en Barcelona&quot;},{&quot;src&quot;:&quot;https:\\\/\\\/www.garciafaura.com\\\/wp-content\\\/uploads\\\/2018\\\/10\\\/Edifici-Cala\\u0300bria-66-14.jpg&quot;,&quot;title&quot;:&quot;Cerramientos exteriores del nuevo equipamiento social en Barcelona&quot;},{&quot;src&quot;:&quot;https:\\\/\\\/www.garciafaura.com\\\/wp-content\\\/uploads\\\/2018\\\/10\\\/Edifici-Cala\\u0300bria-66-13.jpg&quot;,&quot;title&quot;:&quot;Cerramientos exteriores del nuevo equipamiento social en Barcelona&quot;},{&quot;src&quot;:&quot;https:\\\/\\\/www.garciafaura.com\\\/wp-content\\\/uploads\\\/2018\\\/10\\\/Edifici-Cala\\u0300bria-66-12.jpg&quot;,&quot;title&quot;:&quot;Cerramientos exteriores del nuevo equipamiento social en Barcelona&quot;},{&quot;src&quot;:&quot;https:\\\/\\\/www.garciafaura.com\\\/wp-content\\\/uploads\\\/2018\\\/10\\\/Edifici-Cala\\u0300bria-66-11.jpg&quot;,&quot;title&quot;:&quot;Cerramientos exteriores del nuevo equipamiento social en Barcelona&quot;},{&quot;src&quot;:&quot;https:\\\/\\\/www.garciafaura.com\\\/wp-content\\\/uploads\\\/2018\\\/10\\\/Edifici-Cala\\u0300bria-66-10.jpg&quot;,&quot;title&quot;:&quot;Cerramientos exteriores del nuevo equipamiento social en Barcelona&quot;},{&quot;src&quot;:&quot;https:\\\/\\\/www.garciafaura.com\\\/wp-content\\\/uploads\\\/2018\\\/10\\\/Edifici-Cala\\u0300bria-66-09.jpg&quot;,&quot;title&quot;:&quot;Cerramientos exteriores del nuevo equipamiento social en Barcelona&quot;},{&quot;src&quot;:&quot;https:\\\/\\\/www.garciafaura.com\\\/wp-content\\\/uploads\\\/2018\\\/10\\\/Edifici-Cala\\u0300bria-66-08.jpg&quot;,&quot;title&quot;:&quot;Cerramientos exteriores del nuevo equipamiento social en Barcelona&quot;},{&quot;src&quot;:&quot;https:\\\/\\\/www.garciafaura.com\\\/wp-content\\\/uploads\\\/2018\\\/10\\\/Edifici-Cala\\u0300bria-66-07.jpg&quot;,&quot;title&quot;:&quot;Cerramientos exteriores del nuevo equipamiento social en Barcelona&quot;},{&quot;src&quot;:&quot;https:\\\/\\\/www.garciafaura.com\\\/wp-content\\\/uploads\\\/2018\\\/10\\\/Edifici-Cala\\u0300bria-66-06.jpg&quot;,&quot;title&quot;:&quot;Cerramientos exteriores del nuevo equipamiento social en Barcelona&quot;},{&quot;src&quot;:&quot;https:\\\/\\\/www.garciafaura.com\\\/wp-content\\\/uploads\\\/2018\\\/10\\\/Edifici-Cala\\u0300bria-66-05.jpg&quot;,&quot;title&quot;:&quot;Cerramientos exteriores del nuevo equipamiento social en Barcelona&quot;},{&quot;src&quot;:&quot;https:\\\/\\\/www.garciafaura.com\\\/wp-content\\\/uploads\\\/2018\\\/10\\\/Edifici-Cala\\u0300bria-66-04.jpg&quot;,&quot;title&quot;:&quot;Cerramientos exteriores del nuevo equipamiento social en Barcelona&quot;},{&quot;src&quot;:&quot;https:\\\/\\\/www.garciafaura.com\\\/wp-content\\\/uploads\\\/2018\\\/10\\\/Edifici-Cala\\u0300bria-66-03.jpg&quot;,&quot;title&quot;:&quot;Cerramientos exteriores del nuevo equipamiento social en Barcelona&quot;},{&quot;src&quot;:&quot;https:\\\/\\\/www.garciafaura.com\\\/wp-content\\\/uploads\\\/2018\\\/10\\\/Edifici-Cala\\u0300bria-66-02.jpg&quot;,&quot;title&quot;:&quot;Cerramientos exteriores del nuevo equipamiento social en Barcelona&quot;}]\"><img loading=\"lazy\" decoding=\"async\" data-no-lazy=\"1\" class=\"portfolio-entry-img skip-lazy\" src=\"https:\/\/www.garciafaura.com\/wp-content\/uploads\/2018\/10\/Edifici-Cala\u0300bria-66-01-600x314.jpg\" alt=\"Cerramientos Exteriores Del Nuevo Equipamiento Social En Barcelona\" data-no-retina width=\"600\" height=\"314\" \/><\/a><\/div><div class=\"portfolio-entry-details entry-details wpex-clr\"><h2 class=\"portfolio-entry-title entry-title\"><a href=\"https:\/\/www.garciafaura.com\/es\/portfolio-item\/edificio-calabria-66\/\" title=\"Edificio Cal\u00e0bria 66\">Edificio Cal\u00e0bria 66<\/a><\/h2><div class=\"portfolio-entry-categories entry-categories wpex-clr\"><a href=\"https:\/\/www.garciafaura.com\/es\/portfolio-category\/edificios-de-servicios\/\" class=\"term-49\">Edificios de Servicios<\/a><\/div><\/div><\/div><\/div><div class=\"portfolio-entry vcex-grid-item entry-has-details span_1_of_3 col col-2 vcex-isotope-entry vcex-no-margin-entry post-17817 entry type-portfolio has-media cat-49 cat-58 translation_priority-6\"><div class=\"portfolio-entry-inner entry-inner wpex-clr\"><div class=\"portfolio-entry-media entry-media wpex-clr\"><a href=\"https:\/\/www.garciafaura.com\/wp-content\/uploads\/2018\/10\/Rehabilitacio-Institut-Montserrat-03.jpg\" title=\"Rehabilitaci\u00f3n Escuela Montserrat\" class=\"portfolio-entry-media-link wpex-lightbox-gallery\" data-gallery=\"[{&quot;src&quot;:&quot;https:\\\/\\\/www.garciafaura.com\\\/wp-content\\\/uploads\\\/2018\\\/11\\\/Escola-Montserrat-Martorell-01.jpg&quot;,&quot;title&quot;:&quot;Rehabilitaci\\u00f3\\u00a0d&#039;edifici\\u00a0catalogat\\u00a0destinat a ensenyament a\\u00a0Martorell&quot;},{&quot;src&quot;:&quot;https:\\\/\\\/www.garciafaura.com\\\/wp-content\\\/uploads\\\/2018\\\/11\\\/Escola-Montserrat-Martorell-08.jpg&quot;,&quot;title&quot;:&quot;Rehabilitaci\\u00f3\\u00a0d&#039;edifici\\u00a0catalogat\\u00a0destinat a ensenyament a\\u00a0Martorell&quot;},{&quot;src&quot;:&quot;https:\\\/\\\/www.garciafaura.com\\\/wp-content\\\/uploads\\\/2018\\\/11\\\/Escola-Montserrat-Martorell-07.jpg&quot;,&quot;title&quot;:&quot;Rehabilitaci\\u00f3\\u00a0d&#039;edifici\\u00a0catalogat\\u00a0destinat a ensenyament a\\u00a0Martorell&quot;},{&quot;src&quot;:&quot;https:\\\/\\\/www.garciafaura.com\\\/wp-content\\\/uploads\\\/2018\\\/11\\\/Escola-Montserrat-Martorell-06.jpg&quot;,&quot;title&quot;:&quot;Rehabilitaci\\u00f3\\u00a0d&#039;edifici\\u00a0catalogat\\u00a0destinat a ensenyament a\\u00a0Martorell&quot;},{&quot;src&quot;:&quot;https:\\\/\\\/www.garciafaura.com\\\/wp-content\\\/uploads\\\/2018\\\/11\\\/Escola-Montserrat-Martorell-05.jpg&quot;,&quot;title&quot;:&quot;Rehabilitaci\\u00f3\\u00a0d&#039;edifici\\u00a0catalogat\\u00a0destinat a ensenyament a\\u00a0Martorell&quot;},{&quot;src&quot;:&quot;https:\\\/\\\/www.garciafaura.com\\\/wp-content\\\/uploads\\\/2018\\\/11\\\/Escola-Montserrat-Martorell-04.jpg&quot;,&quot;title&quot;:&quot;Rehabilitaci\\u00f3\\u00a0d&#039;edifici\\u00a0catalogat\\u00a0destinat a ensenyament a\\u00a0Martorell&quot;},{&quot;src&quot;:&quot;https:\\\/\\\/www.garciafaura.com\\\/wp-content\\\/uploads\\\/2018\\\/11\\\/Escola-Montserrat-Martorell-03.jpg&quot;,&quot;title&quot;:&quot;Rehabilitaci\\u00f3\\u00a0d&#039;edifici\\u00a0catalogat\\u00a0destinat a ensenyament a\\u00a0Martorell&quot;},{&quot;src&quot;:&quot;https:\\\/\\\/www.garciafaura.com\\\/wp-content\\\/uploads\\\/2018\\\/11\\\/Escola-Montserrat-Martorell-02.jpg&quot;,&quot;title&quot;:&quot;Rehabilitaci\\u00f3\\u00a0d&#039;edifici\\u00a0catalogat\\u00a0destinat a ensenyament a\\u00a0Martorell&quot;}]\"><img loading=\"lazy\" decoding=\"async\" data-no-lazy=\"1\" class=\"portfolio-entry-img skip-lazy\" src=\"https:\/\/www.garciafaura.com\/wp-content\/uploads\/2018\/10\/Rehabilitacio-Institut-Montserrat-03-600x314.jpg\" alt=\"Rehabilitaci\u00f3n De Edificio Catalogado Destinado A Educaci\u00f3n En Martorell\" data-no-retina width=\"600\" height=\"314\" \/><\/a><\/div><div class=\"portfolio-entry-details entry-details wpex-clr\"><h2 class=\"portfolio-entry-title entry-title\"><a href=\"https:\/\/www.garciafaura.com\/es\/portfolio-item\/rehabilitacion-escuela-montserrat\/\" title=\"Rehabilitaci\u00f3n Escuela Montserrat\">Rehabilitaci\u00f3n Escuela Montserrat<\/a><\/h2><div class=\"portfolio-entry-categories entry-categories wpex-clr\"><a href=\"https:\/\/www.garciafaura.com\/es\/portfolio-category\/edificios-de-servicios\/\" class=\"term-49\">Edificios de Servicios<\/a><\/div><\/div><\/div><\/div><div class=\"portfolio-entry vcex-grid-item entry-has-details span_1_of_3 col col-3 vcex-isotope-entry vcex-no-margin-entry post-17798 entry type-portfolio has-media cat-49 translation_priority-6\"><div class=\"portfolio-entry-inner entry-inner wpex-clr\"><div class=\"portfolio-entry-media entry-media wpex-clr\"><a href=\"https:\/\/www.garciafaura.com\/wp-content\/uploads\/2018\/10\/Mercat-de-Montgat-01.jpg\" title=\"Mercado de Montgat\" class=\"portfolio-entry-media-link wpex-lightbox-gallery\" data-gallery=\"[{&quot;src&quot;:&quot;https:\\\/\\\/www.garciafaura.com\\\/wp-content\\\/uploads\\\/2018\\\/10\\\/Mercat-de-Montgat-01.jpg&quot;,&quot;title&quot;:&quot;Cerramientos y vidrieras del nuevo mercado municipal y zona comercial&quot;},{&quot;src&quot;:&quot;https:\\\/\\\/www.garciafaura.com\\\/wp-content\\\/uploads\\\/2018\\\/10\\\/Mercat-de-Montgat-06.jpg&quot;,&quot;title&quot;:&quot;Cerramientos y vidrieras del nuevo mercado municipal y zona comercial&quot;},{&quot;src&quot;:&quot;https:\\\/\\\/www.garciafaura.com\\\/wp-content\\\/uploads\\\/2018\\\/10\\\/Mercat-de-Montgat-05.jpg&quot;,&quot;title&quot;:&quot;Cerramientos y vidrieras del nuevo mercado municipal y zona comercial&quot;},{&quot;src&quot;:&quot;https:\\\/\\\/www.garciafaura.com\\\/wp-content\\\/uploads\\\/2018\\\/10\\\/Mercat-de-Montgat-03.jpg&quot;,&quot;title&quot;:&quot;Cerramientos y vidrieras del nuevo mercado municipal y zona comercial&quot;},{&quot;src&quot;:&quot;https:\\\/\\\/www.garciafaura.com\\\/wp-content\\\/uploads\\\/2018\\\/10\\\/Mercat-de-Montgat-04.jpg&quot;,&quot;title&quot;:&quot;Cerramientos y vidrieras del nuevo mercado municipal y zona comercial&quot;},{&quot;src&quot;:&quot;https:\\\/\\\/www.garciafaura.com\\\/wp-content\\\/uploads\\\/2018\\\/10\\\/Mercat-de-Montgat-02.jpg&quot;,&quot;title&quot;:&quot;Cerramientos y vidrieras del nuevo mercado municipal y zona comercial&quot;}]\"><img loading=\"lazy\" decoding=\"async\" data-no-lazy=\"1\" class=\"portfolio-entry-img skip-lazy\" src=\"https:\/\/www.garciafaura.com\/wp-content\/uploads\/2018\/10\/Mercat-de-Montgat-01-600x314.jpg\" alt=\"Cerramientos Y Vidrieras Del Nuevo Mercado Municipal Y Zona Comercial\" data-no-retina width=\"600\" height=\"314\" \/><\/a><\/div><div class=\"portfolio-entry-details entry-details wpex-clr\"><h2 class=\"portfolio-entry-title entry-title\"><a href=\"https:\/\/www.garciafaura.com\/es\/portfolio-item\/mercado-de-montgat\/\" title=\"Mercado de Montgat\">Mercado de Montgat<\/a><\/h2><div class=\"portfolio-entry-categories entry-categories wpex-clr\"><a href=\"https:\/\/www.garciafaura.com\/es\/portfolio-category\/edificios-de-servicios\/\" class=\"term-49\">Edificios de Servicios<\/a><\/div><\/div><\/div><\/div><div class=\"portfolio-entry vcex-grid-item entry-has-details span_1_of_3 col col-1 vcex-isotope-entry vcex-no-margin-entry post-17795 entry type-portfolio has-media cat-49 cat-58 translation_priority-6\"><div class=\"portfolio-entry-inner entry-inner wpex-clr\"><div class=\"portfolio-entry-media entry-media wpex-clr\"><a href=\"https:\/\/www.garciafaura.com\/wp-content\/uploads\/2018\/10\/Rehabilitacio-Oficines-Mercabarna-00.jpg\" title=\"Rehabilitaci\u00f3n Centro Directivo Mercabarna\" class=\"portfolio-entry-media-link wpex-lightbox-gallery\" data-gallery=\"[{&quot;src&quot;:&quot;https:\\\/\\\/www.garciafaura.com\\\/wp-content\\\/uploads\\\/2018\\\/10\\\/Rehabilitacio-Oficines-Mercabarna-01.jpg&quot;,&quot;title&quot;:&quot;Muros cortina y cerramientos corridos en rehabilitaci\\u00f3n de fachada&quot;},{&quot;src&quot;:&quot;https:\\\/\\\/www.garciafaura.com\\\/wp-content\\\/uploads\\\/2018\\\/10\\\/Rehabilitacio-Oficines-Mercabarna-08.jpg&quot;,&quot;title&quot;:&quot;Muros cortina y cerramientos corridos en rehabilitaci\\u00f3n de fachada&quot;},{&quot;src&quot;:&quot;https:\\\/\\\/www.garciafaura.com\\\/wp-content\\\/uploads\\\/2018\\\/10\\\/Rehabilitacio-Oficines-Mercabarna-07.jpg&quot;,&quot;title&quot;:&quot;Muros cortina y cerramientos corridos en rehabilitaci\\u00f3n de fachada&quot;},{&quot;src&quot;:&quot;https:\\\/\\\/www.garciafaura.com\\\/wp-content\\\/uploads\\\/2018\\\/10\\\/Rehabilitacio-Oficines-Mercabarna-06.jpg&quot;,&quot;title&quot;:&quot;Muros cortina y cerramientos corridos en rehabilitaci\\u00f3n de fachada&quot;},{&quot;src&quot;:&quot;https:\\\/\\\/www.garciafaura.com\\\/wp-content\\\/uploads\\\/2018\\\/10\\\/Rehabilitacio-Oficines-Mercabarna-05.jpg&quot;,&quot;title&quot;:&quot;Muros cortina y cerramientos corridos en rehabilitaci\\u00f3n de fachada&quot;},{&quot;src&quot;:&quot;https:\\\/\\\/www.garciafaura.com\\\/wp-content\\\/uploads\\\/2018\\\/10\\\/Rehabilitacio-Oficines-Mercabarna-04.jpg&quot;,&quot;title&quot;:&quot;Muros cortina y cerramientos corridos en rehabilitaci\\u00f3n de fachada&quot;},{&quot;src&quot;:&quot;https:\\\/\\\/www.garciafaura.com\\\/wp-content\\\/uploads\\\/2018\\\/10\\\/Rehabilitacio-Oficines-Mercabarna-03.jpg&quot;,&quot;title&quot;:&quot;Muros cortina y cerramientos corridos en rehabilitaci\\u00f3n de fachada&quot;},{&quot;src&quot;:&quot;https:\\\/\\\/www.garciafaura.com\\\/wp-content\\\/uploads\\\/2018\\\/10\\\/Rehabilitacio-Oficines-Mercabarna-02.jpg&quot;,&quot;title&quot;:&quot;Muros cortina y cerramientos corridos en rehabilitaci\\u00f3n de fachada&quot;},{&quot;src&quot;:&quot;https:\\\/\\\/www.garciafaura.com\\\/wp-content\\\/uploads\\\/2018\\\/10\\\/Rehabilitacio-Oficines-Mercabarna-00.jpg&quot;},{&quot;src&quot;:&quot;https:\\\/\\\/www.garciafaura.com\\\/wp-content\\\/uploads\\\/2018\\\/10\\\/Rehabilitacio-Oficines-Mercabarna-00.jpg&quot;},{&quot;src&quot;:&quot;https:\\\/\\\/www.garciafaura.com\\\/wp-content\\\/uploads\\\/2018\\\/10\\\/Rehabilitacio-Oficines-Mercabarna-01.jpg&quot;,&quot;title&quot;:&quot;Muros cortina y cerramientos corridos en rehabilitaci\\u00f3n de fachada&quot;},{&quot;src&quot;:&quot;https:\\\/\\\/www.garciafaura.com\\\/wp-content\\\/uploads\\\/2018\\\/10\\\/Rehabilitacio-Oficines-Mercabarna-08.jpg&quot;,&quot;title&quot;:&quot;Muros cortina y cerramientos corridos en rehabilitaci\\u00f3n de fachada&quot;},{&quot;src&quot;:&quot;https:\\\/\\\/www.garciafaura.com\\\/wp-content\\\/uploads\\\/2018\\\/10\\\/Rehabilitacio-Oficines-Mercabarna-07.jpg&quot;,&quot;title&quot;:&quot;Muros cortina y cerramientos corridos en rehabilitaci\\u00f3n de fachada&quot;},{&quot;src&quot;:&quot;https:\\\/\\\/www.garciafaura.com\\\/wp-content\\\/uploads\\\/2018\\\/10\\\/Rehabilitacio-Oficines-Mercabarna-06.jpg&quot;,&quot;title&quot;:&quot;Muros cortina y cerramientos corridos en rehabilitaci\\u00f3n de fachada&quot;},{&quot;src&quot;:&quot;https:\\\/\\\/www.garciafaura.com\\\/wp-content\\\/uploads\\\/2018\\\/10\\\/Rehabilitacio-Oficines-Mercabarna-05.jpg&quot;,&quot;title&quot;:&quot;Muros cortina y cerramientos corridos en rehabilitaci\\u00f3n de fachada&quot;},{&quot;src&quot;:&quot;https:\\\/\\\/www.garciafaura.com\\\/wp-content\\\/uploads\\\/2018\\\/10\\\/Rehabilitacio-Oficines-Mercabarna-04.jpg&quot;,&quot;title&quot;:&quot;Muros cortina y cerramientos corridos en rehabilitaci\\u00f3n de fachada&quot;},{&quot;src&quot;:&quot;https:\\\/\\\/www.garciafaura.com\\\/wp-content\\\/uploads\\\/2018\\\/10\\\/Rehabilitacio-Oficines-Mercabarna-03.jpg&quot;,&quot;title&quot;:&quot;Muros cortina y cerramientos corridos en rehabilitaci\\u00f3n de fachada&quot;},{&quot;src&quot;:&quot;https:\\\/\\\/www.garciafaura.com\\\/wp-content\\\/uploads\\\/2018\\\/10\\\/Rehabilitacio-Oficines-Mercabarna-02.jpg&quot;,&quot;title&quot;:&quot;Muros cortina y cerramientos corridos en rehabilitaci\\u00f3n de fachada&quot;}]\"><img decoding=\"async\" data-no-lazy=\"1\" class=\"portfolio-entry-img skip-lazy\" src=\"https:\/\/www.garciafaura.com\/wp-content\/uploads\/2018\/10\/Rehabilitacio-Oficines-Mercabarna-00-x.jpg\" alt='' data-no-retina \/><\/a><\/div><div class=\"portfolio-entry-details entry-details wpex-clr\"><h2 class=\"portfolio-entry-title entry-title\"><a href=\"https:\/\/www.garciafaura.com\/es\/portfolio-item\/rehabilitacion-centro-directivo-mercabarna\/\" title=\"Rehabilitaci\u00f3n Centro Directivo Mercabarna\">Rehabilitaci\u00f3n Centro Directivo Mercabarna<\/a><\/h2><div class=\"portfolio-entry-categories entry-categories wpex-clr\"><a href=\"https:\/\/www.garciafaura.com\/es\/portfolio-category\/edificios-de-servicios\/\" class=\"term-49\">Edificios de Servicios<\/a><\/div><\/div><\/div><\/div><div class=\"portfolio-entry vcex-grid-item entry-has-details span_1_of_3 col col-2 vcex-isotope-entry vcex-no-margin-entry post-17792 entry type-portfolio has-media cat-49 translation_priority-6\"><div class=\"portfolio-entry-inner entry-inner wpex-clr\"><div class=\"portfolio-entry-media entry-media wpex-clr\"><a href=\"https:\/\/www.garciafaura.com\/wp-content\/uploads\/2018\/10\/Aparcament-Mercabarna-03.jpg\" title=\"Parking Mercabarna\" class=\"portfolio-entry-media-link wpex-lightbox-gallery\" data-gallery=\"[{&quot;src&quot;:&quot;https:\\\/\\\/www.garciafaura.com\\\/wp-content\\\/uploads\\\/2018\\\/10\\\/Aparcament-Mercabarna-01.jpg&quot;,&quot;title&quot;:&quot;Cerramientos y accesos locales comerciales y parking&quot;},{&quot;src&quot;:&quot;https:\\\/\\\/www.garciafaura.com\\\/wp-content\\\/uploads\\\/2018\\\/10\\\/Aparcament-Mercabarna-04.jpg&quot;,&quot;title&quot;:&quot;Cerramientos y accesos locales comerciales y parking&quot;},{&quot;src&quot;:&quot;https:\\\/\\\/www.garciafaura.com\\\/wp-content\\\/uploads\\\/2018\\\/10\\\/Aparcament-Mercabarna-05.jpg&quot;,&quot;title&quot;:&quot;Cerramientos y accesos locales comerciales y parking&quot;},{&quot;src&quot;:&quot;https:\\\/\\\/www.garciafaura.com\\\/wp-content\\\/uploads\\\/2018\\\/10\\\/Aparcament-Mercabarna-03.jpg&quot;,&quot;title&quot;:&quot;Cerramientos y accesos locales comerciales y parking&quot;},{&quot;src&quot;:&quot;https:\\\/\\\/www.garciafaura.com\\\/wp-content\\\/uploads\\\/2018\\\/10\\\/Aparcament-Mercabarna-02.jpg&quot;,&quot;title&quot;:&quot;Cerramientos y accesos locales comerciales y parking&quot;}]\"><img loading=\"lazy\" decoding=\"async\" data-no-lazy=\"1\" class=\"portfolio-entry-img skip-lazy\" src=\"https:\/\/www.garciafaura.com\/wp-content\/uploads\/2018\/10\/Aparcament-Mercabarna-03-600x314.jpg\" alt=\"Cerramientos Y Accesos Locales Comerciales Y Parking\" data-no-retina width=\"600\" height=\"314\" \/><\/a><\/div><div class=\"portfolio-entry-details entry-details wpex-clr\"><h2 class=\"portfolio-entry-title entry-title\"><a href=\"https:\/\/www.garciafaura.com\/es\/portfolio-item\/parking-mercabarna\/\" title=\"Parking Mercabarna\">Parking Mercabarna<\/a><\/h2><div class=\"portfolio-entry-categories entry-categories wpex-clr\"><a href=\"https:\/\/www.garciafaura.com\/es\/portfolio-category\/edificios-de-servicios\/\" class=\"term-49\">Edificios de Servicios<\/a><\/div><\/div><\/div><\/div><div class=\"portfolio-entry vcex-grid-item entry-has-details span_1_of_3 col col-3 vcex-isotope-entry vcex-no-margin-entry post-17791 entry type-portfolio has-media cat-49 cat-50 cat-51 cat-52 translation_priority-6\"><div class=\"portfolio-entry-inner entry-inner wpex-clr\"><div class=\"portfolio-entry-media entry-media wpex-clr\"><a href=\"https:\/\/www.garciafaura.com\/wp-content\/uploads\/2018\/10\/Ampliacio-Facultat-Dret-UB-01.jpg\" title=\"Ampliaci\u00f3n Facultad Derecho UB\" class=\"portfolio-entry-media-link wpex-lightbox\"><img loading=\"lazy\" decoding=\"async\" data-no-lazy=\"1\" class=\"portfolio-entry-img skip-lazy\" src=\"https:\/\/www.garciafaura.com\/wp-content\/uploads\/2018\/10\/Ampliacio-Facultat-Dret-UB-01-600x314.jpg\" alt=\"Muro Cortina De La Nueva Facultad De Derecho De La Universitat De Barcelona\" data-no-retina width=\"600\" height=\"314\" \/><\/a><\/div><div class=\"portfolio-entry-details entry-details wpex-clr\"><h2 class=\"portfolio-entry-title entry-title\"><a href=\"https:\/\/www.garciafaura.com\/es\/portfolio-item\/ampliacion-facultad-derecho-ub\/\" title=\"Ampliaci\u00f3n Facultad Derecho UB\">Ampliaci\u00f3n Facultad Derecho UB<\/a><\/h2><div class=\"portfolio-entry-categories entry-categories wpex-clr\"><a href=\"https:\/\/www.garciafaura.com\/es\/portfolio-category\/edificios-de-servicios\/\" class=\"term-49\">Edificios de Servicios<\/a><\/div><\/div><\/div><\/div><div class=\"portfolio-entry vcex-grid-item entry-has-details span_1_of_3 col col-1 vcex-isotope-entry vcex-no-margin-entry post-17779 entry type-portfolio has-media cat-49 translation_priority-6\"><div class=\"portfolio-entry-inner entry-inner wpex-clr\"><div class=\"portfolio-entry-media entry-media wpex-clr\"><a href=\"https:\/\/www.garciafaura.com\/wp-content\/uploads\/2018\/10\/Ampliacio-Escola-Sunion-01.jpg\" title=\"Ampliaci\u00f3n Escuela S\u00fanion\" class=\"portfolio-entry-media-link wpex-lightbox-gallery\" data-gallery=\"[{&quot;src&quot;:&quot;https:\\\/\\\/www.garciafaura.com\\\/wp-content\\\/uploads\\\/2018\\\/10\\\/Ampliacio-Escola-Sunion-01.jpg&quot;,&quot;title&quot;:&quot;Cerramientos interiores y exteriores para centro educativa en Barcelona&quot;},{&quot;src&quot;:&quot;https:\\\/\\\/www.garciafaura.com\\\/wp-content\\\/uploads\\\/2018\\\/10\\\/Ampliacio-Escola-Sunion-11.jpg&quot;,&quot;title&quot;:&quot;Cerramientos interiores y exteriores para centro educativa en Barcelona&quot;},{&quot;src&quot;:&quot;https:\\\/\\\/www.garciafaura.com\\\/wp-content\\\/uploads\\\/2018\\\/10\\\/Ampliacio-Escola-Sunion-10.jpg&quot;,&quot;title&quot;:&quot;Cerramientos interiores y exteriores para centro educativa en Barcelona&quot;},{&quot;src&quot;:&quot;https:\\\/\\\/www.garciafaura.com\\\/wp-content\\\/uploads\\\/2018\\\/10\\\/Ampliacio-Escola-Sunion-09.jpg&quot;,&quot;title&quot;:&quot;Cerramientos interiores y exteriores para centro educativa en Barcelona&quot;},{&quot;src&quot;:&quot;https:\\\/\\\/www.garciafaura.com\\\/wp-content\\\/uploads\\\/2018\\\/10\\\/Ampliacio-Escola-Sunion-08.jpg&quot;,&quot;title&quot;:&quot;Cerramientos interiores y exteriores para centro educativa en Barcelona&quot;},{&quot;src&quot;:&quot;https:\\\/\\\/www.garciafaura.com\\\/wp-content\\\/uploads\\\/2018\\\/10\\\/Ampliacio-Escola-Sunion-07.jpg&quot;,&quot;title&quot;:&quot;Cerramientos interiores y exteriores para centro educativa en Barcelona&quot;},{&quot;src&quot;:&quot;https:\\\/\\\/www.garciafaura.com\\\/wp-content\\\/uploads\\\/2018\\\/10\\\/Ampliacio-Escola-Sunion-06.jpg&quot;,&quot;title&quot;:&quot;Cerramientos interiores y exteriores para centro educativa en Barcelona&quot;},{&quot;src&quot;:&quot;https:\\\/\\\/www.garciafaura.com\\\/wp-content\\\/uploads\\\/2018\\\/10\\\/Ampliacio-Escola-Sunion-05.jpg&quot;,&quot;title&quot;:&quot;Cerramientos interiores y exteriores para centro educativa en Barcelona&quot;},{&quot;src&quot;:&quot;https:\\\/\\\/www.garciafaura.com\\\/wp-content\\\/uploads\\\/2018\\\/10\\\/Ampliacio-Escola-Sunion-04.jpg&quot;,&quot;title&quot;:&quot;Cerramientos interiores y exteriores para centro educativa en Barcelona&quot;},{&quot;src&quot;:&quot;https:\\\/\\\/www.garciafaura.com\\\/wp-content\\\/uploads\\\/2018\\\/10\\\/Ampliacio-Escola-Sunion-03.jpg&quot;,&quot;title&quot;:&quot;Cerramientos interiores y exteriores para centro educativa en Barcelona&quot;},{&quot;src&quot;:&quot;https:\\\/\\\/www.garciafaura.com\\\/wp-content\\\/uploads\\\/2018\\\/10\\\/Ampliacio-Escola-Sunion-02.jpg&quot;,&quot;title&quot;:&quot;Cerramientos interiores y exteriores para centro educativa en Barcelona&quot;}]\"><img loading=\"lazy\" decoding=\"async\" data-no-lazy=\"1\" class=\"portfolio-entry-img skip-lazy\" src=\"https:\/\/www.garciafaura.com\/wp-content\/uploads\/2018\/10\/Ampliacio-Escola-Sunion-01-600x314.jpg\" alt=\"Cerramientos Interiores Y Exteriores Para Centro Educativa En Barcelona\" data-no-retina width=\"600\" height=\"314\" \/><\/a><\/div><div class=\"portfolio-entry-details entry-details wpex-clr\"><h2 class=\"portfolio-entry-title entry-title\"><a href=\"https:\/\/www.garciafaura.com\/es\/portfolio-item\/ampliacion-escuela-sunion\/\" title=\"Ampliaci\u00f3n Escuela S\u00fanion\">Ampliaci\u00f3n Escuela S\u00fanion<\/a><\/h2><div class=\"portfolio-entry-categories entry-categories wpex-clr\"><a href=\"https:\/\/www.garciafaura.com\/es\/portfolio-category\/edificios-de-servicios\/\" class=\"term-49\">Edificios de Servicios<\/a><\/div><\/div><\/div><\/div><div class=\"portfolio-entry vcex-grid-item entry-has-details span_1_of_3 col col-2 vcex-isotope-entry vcex-no-margin-entry post-17776 entry type-portfolio has-media cat-49 translation_priority-6\"><div class=\"portfolio-entry-inner entry-inner wpex-clr\"><div class=\"portfolio-entry-media entry-media wpex-clr\"><a href=\"https:\/\/www.garciafaura.com\/wp-content\/uploads\/2018\/10\/Parroquia-Sant-Maria-de-Bonavista-02.jpg\" title=\"Parroquia Santa Maria de Bonavista\" class=\"portfolio-entry-media-link wpex-lightbox-gallery\" data-gallery=\"[{&quot;src&quot;:&quot;https:\\\/\\\/www.garciafaura.com\\\/wp-content\\\/uploads\\\/2018\\\/10\\\/Parroquia-Sant-Maria-de-Bonavista-01.jpg&quot;,&quot;title&quot;:&quot;Cerramientos en nueva iglesia y centro parroquial&quot;},{&quot;src&quot;:&quot;https:\\\/\\\/www.garciafaura.com\\\/wp-content\\\/uploads\\\/2018\\\/10\\\/Parroquia-Sant-Maria-de-Bonavista-10.jpg&quot;,&quot;title&quot;:&quot;Cerramientos en nueva iglesia y centro parroquial&quot;},{&quot;src&quot;:&quot;https:\\\/\\\/www.garciafaura.com\\\/wp-content\\\/uploads\\\/2018\\\/10\\\/Parroquia-Sant-Maria-de-Bonavista-09.jpg&quot;,&quot;title&quot;:&quot;Cerramientos en nueva iglesia y centro parroquial&quot;},{&quot;src&quot;:&quot;https:\\\/\\\/www.garciafaura.com\\\/wp-content\\\/uploads\\\/2018\\\/10\\\/Parroquia-Sant-Maria-de-Bonavista-08.jpg&quot;,&quot;title&quot;:&quot;Cerramientos en nueva iglesia y centro parroquial&quot;},{&quot;src&quot;:&quot;https:\\\/\\\/www.garciafaura.com\\\/wp-content\\\/uploads\\\/2018\\\/10\\\/Parroquia-Sant-Maria-de-Bonavista-07.jpg&quot;,&quot;title&quot;:&quot;Cerramientos en nueva iglesia y centro parroquial&quot;},{&quot;src&quot;:&quot;https:\\\/\\\/www.garciafaura.com\\\/wp-content\\\/uploads\\\/2018\\\/10\\\/Parroquia-Sant-Maria-de-Bonavista-06.jpg&quot;,&quot;title&quot;:&quot;Cerramientos en nueva iglesia y centro parroquial&quot;},{&quot;src&quot;:&quot;https:\\\/\\\/www.garciafaura.com\\\/wp-content\\\/uploads\\\/2018\\\/10\\\/Parroquia-Sant-Maria-de-Bonavista-05.jpg&quot;,&quot;title&quot;:&quot;Cerramientos en nueva iglesia y centro parroquial&quot;},{&quot;src&quot;:&quot;https:\\\/\\\/www.garciafaura.com\\\/wp-content\\\/uploads\\\/2018\\\/10\\\/Parroquia-Sant-Maria-de-Bonavista-04.jpg&quot;,&quot;title&quot;:&quot;Cerramientos en nueva iglesia y centro parroquial&quot;},{&quot;src&quot;:&quot;https:\\\/\\\/www.garciafaura.com\\\/wp-content\\\/uploads\\\/2018\\\/10\\\/Parroquia-Sant-Maria-de-Bonavista-03.jpg&quot;,&quot;title&quot;:&quot;Cerramientos en nueva iglesia y centro parroquial&quot;},{&quot;src&quot;:&quot;https:\\\/\\\/www.garciafaura.com\\\/wp-content\\\/uploads\\\/2018\\\/10\\\/Parroquia-Sant-Maria-de-Bonavista-02.jpg&quot;,&quot;title&quot;:&quot;Cerramientos en nueva iglesia y centro parroquial&quot;}]\"><img loading=\"lazy\" decoding=\"async\" data-no-lazy=\"1\" class=\"portfolio-entry-img skip-lazy\" src=\"https:\/\/www.garciafaura.com\/wp-content\/uploads\/2018\/10\/Parroquia-Sant-Maria-de-Bonavista-02-600x314.jpg\" alt=\"Cerramientos En Nueva Iglesia Y Centro Parroquial\" data-no-retina width=\"600\" height=\"314\" \/><\/a><\/div><div class=\"portfolio-entry-details entry-details wpex-clr\"><h2 class=\"portfolio-entry-title entry-title\"><a href=\"https:\/\/www.garciafaura.com\/es\/portfolio-item\/parroquia-santa-maria-de-bonavista\/\" title=\"Parroquia Santa Maria de Bonavista\">Parroquia Santa Maria de Bonavista<\/a><\/h2><div class=\"portfolio-entry-categories entry-categories wpex-clr\"><a href=\"https:\/\/www.garciafaura.com\/es\/portfolio-category\/edificios-de-servicios\/\" class=\"term-49\">Edificios de Servicios<\/a><\/div><\/div><\/div><\/div><div class=\"portfolio-entry vcex-grid-item entry-has-details span_1_of_3 col col-3 vcex-isotope-entry vcex-no-margin-entry post-17772 entry type-portfolio has-media cat-49 translation_priority-6\"><div class=\"portfolio-entry-inner entry-inner wpex-clr\"><div class=\"portfolio-entry-media entry-media wpex-clr\"><a href=\"https:\/\/www.garciafaura.com\/wp-content\/uploads\/2018\/10\/Institut-La-Talaia-Segur-Calafell-01.jpg\" title=\"Instituto La Talaia\" class=\"portfolio-entry-media-link wpex-lightbox-gallery\" data-gallery=\"[{&quot;src&quot;:&quot;https:\\\/\\\/www.garciafaura.com\\\/wp-content\\\/uploads\\\/2018\\\/10\\\/Institut-La-Talaia-Segur-Calafell-01.jpg&quot;,&quot;title&quot;:&quot;Cerramientos del nuevo centro educativo en Segur de Calafell&quot;},{&quot;src&quot;:&quot;https:\\\/\\\/www.garciafaura.com\\\/wp-content\\\/uploads\\\/2018\\\/10\\\/Institut-La-Talaia-Segur-Calafell-15.jpg&quot;,&quot;title&quot;:&quot;Cerramientos del nuevo centro educativo en Segur de Calafell&quot;},{&quot;src&quot;:&quot;https:\\\/\\\/www.garciafaura.com\\\/wp-content\\\/uploads\\\/2018\\\/10\\\/Institut-La-Talaia-Segur-Calafell-14.jpg&quot;,&quot;title&quot;:&quot;Cerramientos del nuevo centro educativo en Segur de Calafell&quot;},{&quot;src&quot;:&quot;https:\\\/\\\/www.garciafaura.com\\\/wp-content\\\/uploads\\\/2018\\\/10\\\/Institut-La-Talaia-Segur-Calafell-13.jpg&quot;,&quot;title&quot;:&quot;Cerramientos del nuevo centro educativo en Segur de Calafell&quot;},{&quot;src&quot;:&quot;https:\\\/\\\/www.garciafaura.com\\\/wp-content\\\/uploads\\\/2018\\\/10\\\/Institut-La-Talaia-Segur-Calafell-12.jpg&quot;,&quot;title&quot;:&quot;Cerramientos del nuevo centro educativo en Segur de Calafell&quot;},{&quot;src&quot;:&quot;https:\\\/\\\/www.garciafaura.com\\\/wp-content\\\/uploads\\\/2018\\\/10\\\/Institut-La-Talaia-Segur-Calafell-11.jpg&quot;,&quot;title&quot;:&quot;Cerramientos del nuevo centro educativo en Segur de Calafell&quot;},{&quot;src&quot;:&quot;https:\\\/\\\/www.garciafaura.com\\\/wp-content\\\/uploads\\\/2018\\\/10\\\/Institut-La-Talaia-Segur-Calafell-10.jpg&quot;,&quot;title&quot;:&quot;Cerramientos del nuevo centro educativo en Segur de Calafell&quot;},{&quot;src&quot;:&quot;https:\\\/\\\/www.garciafaura.com\\\/wp-content\\\/uploads\\\/2018\\\/10\\\/Institut-La-Talaia-Segur-Calafell-09.jpg&quot;,&quot;title&quot;:&quot;Cerramientos del nuevo centro educativo en Segur de Calafell&quot;},{&quot;src&quot;:&quot;https:\\\/\\\/www.garciafaura.com\\\/wp-content\\\/uploads\\\/2018\\\/10\\\/Institut-La-Talaia-Segur-Calafell-08.jpg&quot;,&quot;title&quot;:&quot;Cerramientos del nuevo centro educativo en Segur de Calafell&quot;},{&quot;src&quot;:&quot;https:\\\/\\\/www.garciafaura.com\\\/wp-content\\\/uploads\\\/2018\\\/10\\\/Institut-La-Talaia-Segur-Calafell-07.jpg&quot;,&quot;title&quot;:&quot;Cerramientos del nuevo centro educativo en Segur de Calafell&quot;},{&quot;src&quot;:&quot;https:\\\/\\\/www.garciafaura.com\\\/wp-content\\\/uploads\\\/2018\\\/10\\\/Institut-La-Talaia-Segur-Calafell-06.jpg&quot;,&quot;title&quot;:&quot;Cerramientos del nuevo centro educativo en Segur de Calafell&quot;},{&quot;src&quot;:&quot;https:\\\/\\\/www.garciafaura.com\\\/wp-content\\\/uploads\\\/2018\\\/10\\\/Institut-La-Talaia-Segur-Calafell-05.jpg&quot;,&quot;title&quot;:&quot;Cerramientos del nuevo centro educativo en Segur de Calafell&quot;},{&quot;src&quot;:&quot;https:\\\/\\\/www.garciafaura.com\\\/wp-content\\\/uploads\\\/2018\\\/10\\\/Institut-La-Talaia-Segur-Calafell-04.jpg&quot;,&quot;title&quot;:&quot;Cerramientos del nuevo centro educativo en Segur de Calafell&quot;},{&quot;src&quot;:&quot;https:\\\/\\\/www.garciafaura.com\\\/wp-content\\\/uploads\\\/2018\\\/10\\\/Institut-La-Talaia-Segur-Calafell-03.jpg&quot;,&quot;title&quot;:&quot;Cerramientos del nuevo centro educativo en Segur de Calafell&quot;},{&quot;src&quot;:&quot;https:\\\/\\\/www.garciafaura.com\\\/wp-content\\\/uploads\\\/2018\\\/10\\\/Institut-La-Talaia-Segur-Calafell-02.jpg&quot;,&quot;title&quot;:&quot;Cerramientos del nuevo centro educativo en Segur de Calafell&quot;}]\"><img loading=\"lazy\" decoding=\"async\" data-no-lazy=\"1\" class=\"portfolio-entry-img skip-lazy\" src=\"https:\/\/www.garciafaura.com\/wp-content\/uploads\/2018\/10\/Institut-La-Talaia-Segur-Calafell-01-600x314.jpg\" alt=\"Cerramientos Del Nuevo Centro Educativo En Segur De Calafell\" data-no-retina width=\"600\" height=\"314\" \/><\/a><\/div><div class=\"portfolio-entry-details entry-details wpex-clr\"><h2 class=\"portfolio-entry-title entry-title\"><a href=\"https:\/\/www.garciafaura.com\/es\/portfolio-item\/instituto-la-talaia\/\" title=\"Instituto La Talaia\">Instituto La Talaia<\/a><\/h2><div class=\"portfolio-entry-categories entry-categories wpex-clr\"><a href=\"https:\/\/www.garciafaura.com\/es\/portfolio-category\/edificios-de-servicios\/\" class=\"term-49\">Edificios de Servicios<\/a><\/div><\/div><\/div><\/div><div class=\"portfolio-entry vcex-grid-item entry-has-details span_1_of_3 col col-1 vcex-isotope-entry vcex-no-margin-entry post-17766 entry type-portfolio has-media cat-49 translation_priority-6\"><div class=\"portfolio-entry-inner entry-inner wpex-clr\"><div class=\"portfolio-entry-media entry-media wpex-clr\"><a href=\"https:\/\/www.garciafaura.com\/wp-content\/uploads\/2018\/10\/CAP-Moli-Nou-Sant-Boi-01.jpg\" title=\"Centro de Atenci\u00f3n Primaria (CAP) Mol\u00ed Nou\" class=\"portfolio-entry-media-link wpex-lightbox-gallery\" data-gallery=\"[{&quot;src&quot;:&quot;https:\\\/\\\/www.garciafaura.com\\\/wp-content\\\/uploads\\\/2018\\\/10\\\/CAP-Moli-Nou-Sant-Boi-01.jpg&quot;,&quot;title&quot;:&quot;Cerramientos del nuevo ambulatorio en Sant Boi de Llobregat&quot;},{&quot;src&quot;:&quot;https:\\\/\\\/www.garciafaura.com\\\/wp-content\\\/uploads\\\/2018\\\/10\\\/CAP-Moli-Nou-Sant-Boi-14.jpg&quot;,&quot;title&quot;:&quot;Cerramientos del nuevo ambulatorio en Sant Boi de Llobregat&quot;},{&quot;src&quot;:&quot;https:\\\/\\\/www.garciafaura.com\\\/wp-content\\\/uploads\\\/2018\\\/10\\\/CAP-Moli-Nou-Sant-Boi-13.jpg&quot;,&quot;title&quot;:&quot;Cerramientos del nuevo ambulatorio en Sant Boi de Llobregat&quot;},{&quot;src&quot;:&quot;https:\\\/\\\/www.garciafaura.com\\\/wp-content\\\/uploads\\\/2018\\\/10\\\/CAP-Moli-Nou-Sant-Boi-12.jpg&quot;,&quot;title&quot;:&quot;Cerramientos del nuevo ambulatorio en Sant Boi de Llobregat&quot;},{&quot;src&quot;:&quot;https:\\\/\\\/www.garciafaura.com\\\/wp-content\\\/uploads\\\/2018\\\/10\\\/CAP-Moli-Nou-Sant-Boi-11.jpg&quot;,&quot;title&quot;:&quot;Cerramientos del nuevo ambulatorio en Sant Boi de Llobregat&quot;},{&quot;src&quot;:&quot;https:\\\/\\\/www.garciafaura.com\\\/wp-content\\\/uploads\\\/2018\\\/10\\\/CAP-Moli-Nou-Sant-Boi-10.jpg&quot;,&quot;title&quot;:&quot;Cerramientos del nuevo ambulatorio en Sant Boi de Llobregat&quot;},{&quot;src&quot;:&quot;https:\\\/\\\/www.garciafaura.com\\\/wp-content\\\/uploads\\\/2018\\\/10\\\/CAP-Moli-Nou-Sant-Boi-09.jpg&quot;,&quot;title&quot;:&quot;Cerramientos del nuevo ambulatorio en Sant Boi de Llobregat&quot;},{&quot;src&quot;:&quot;https:\\\/\\\/www.garciafaura.com\\\/wp-content\\\/uploads\\\/2018\\\/10\\\/CAP-Moli-Nou-Sant-Boi-08.jpg&quot;,&quot;title&quot;:&quot;Cerramientos del nuevo ambulatorio en Sant Boi de Llobregat&quot;},{&quot;src&quot;:&quot;https:\\\/\\\/www.garciafaura.com\\\/wp-content\\\/uploads\\\/2018\\\/10\\\/CAP-Moli-Nou-Sant-Boi-07.jpg&quot;,&quot;title&quot;:&quot;Cerramientos del nuevo ambulatorio en Sant Boi de Llobregat&quot;},{&quot;src&quot;:&quot;https:\\\/\\\/www.garciafaura.com\\\/wp-content\\\/uploads\\\/2018\\\/10\\\/CAP-Moli-Nou-Sant-Boi-06.jpg&quot;,&quot;title&quot;:&quot;Cerramientos del nuevo ambulatorio en Sant Boi de Llobregat&quot;},{&quot;src&quot;:&quot;https:\\\/\\\/www.garciafaura.com\\\/wp-content\\\/uploads\\\/2018\\\/10\\\/CAP-Moli-Nou-Sant-Boi-05.jpg&quot;,&quot;title&quot;:&quot;Cerramientos del nuevo ambulatorio en Sant Boi de Llobregat&quot;},{&quot;src&quot;:&quot;https:\\\/\\\/www.garciafaura.com\\\/wp-content\\\/uploads\\\/2018\\\/10\\\/CAP-Moli-Nou-Sant-Boi-04.jpg&quot;,&quot;title&quot;:&quot;Cerramientos del nuevo ambulatorio en Sant Boi de Llobregat&quot;},{&quot;src&quot;:&quot;https:\\\/\\\/www.garciafaura.com\\\/wp-content\\\/uploads\\\/2018\\\/10\\\/CAP-Moli-Nou-Sant-Boi-03.jpg&quot;,&quot;title&quot;:&quot;Cerramientos del nuevo ambulatorio en Sant Boi de Llobregat&quot;},{&quot;src&quot;:&quot;https:\\\/\\\/www.garciafaura.com\\\/wp-content\\\/uploads\\\/2018\\\/10\\\/CAP-Moli-Nou-Sant-Boi-02.jpg&quot;,&quot;title&quot;:&quot;Cerramientos del nuevo ambulatorio en Sant Boi de Llobregat&quot;},{&quot;src&quot;:&quot;https:\\\/\\\/www.garciafaura.com\\\/wp-content\\\/uploads\\\/2018\\\/10\\\/CAP-Moli-Nou-Sant-Boi-15.jpg&quot;,&quot;title&quot;:&quot;Cerramientos del nuevo ambulatorio en Sant Boi de Llobregat&quot;}]\"><img loading=\"lazy\" decoding=\"async\" data-no-lazy=\"1\" class=\"portfolio-entry-img skip-lazy\" src=\"https:\/\/www.garciafaura.com\/wp-content\/uploads\/2018\/10\/CAP-Moli-Nou-Sant-Boi-01-600x314.jpg\" alt=\"Cerramientos Del Nuevo Ambulatorio En Sant Boi De Llobregat\" data-no-retina width=\"600\" height=\"314\" \/><\/a><\/div><div class=\"portfolio-entry-details entry-details wpex-clr\"><h2 class=\"portfolio-entry-title entry-title\"><a href=\"https:\/\/www.garciafaura.com\/es\/portfolio-item\/centro-de-atencion-primaria-cap-moli-nou\/\" title=\"Centro de Atenci\u00f3n Primaria (CAP) Mol\u00ed Nou\">Centro de Atenci\u00f3n Primaria (CAP) Mol\u00ed Nou<\/a><\/h2><div class=\"portfolio-entry-categories entry-categories wpex-clr\"><a href=\"https:\/\/www.garciafaura.com\/es\/portfolio-category\/edificios-de-servicios\/\" class=\"term-49\">Edificios de Servicios<\/a><\/div><\/div><\/div><\/div><div class=\"portfolio-entry vcex-grid-item entry-has-details span_1_of_3 col col-2 vcex-isotope-entry vcex-no-margin-entry post-17755 entry type-portfolio has-media cat-49 cat-58 translation_priority-6\"><div class=\"portfolio-entry-inner entry-inner wpex-clr\"><div class=\"portfolio-entry-media entry-media wpex-clr\"><a href=\"https:\/\/www.garciafaura.com\/wp-content\/uploads\/2018\/10\/Escola-Pau-Casals-Rubi-01.jpg\" title=\"Rehabilitaci\u00f3n Escuela Pau Casals\" class=\"portfolio-entry-media-link wpex-lightbox-gallery\" data-gallery=\"[{&quot;src&quot;:&quot;https:\\\/\\\/www.garciafaura.com\\\/wp-content\\\/uploads\\\/2018\\\/10\\\/Escola-Pau-Casals-Rubi-01.jpg&quot;,&quot;title&quot;:&quot;Rehabilitaci\\u00f3n de centro educativo en Rub\\u00ed&quot;},{&quot;src&quot;:&quot;https:\\\/\\\/www.garciafaura.com\\\/wp-content\\\/uploads\\\/2018\\\/10\\\/Escola-Pau-Casals-Rubi-09.jpg&quot;,&quot;title&quot;:&quot;Rehabilitaci\\u00f3n de centro educativo en Rub\\u00ed&quot;},{&quot;src&quot;:&quot;https:\\\/\\\/www.garciafaura.com\\\/wp-content\\\/uploads\\\/2018\\\/10\\\/Escola-Pau-Casals-Rubi-08.jpg&quot;,&quot;title&quot;:&quot;Rehabilitaci\\u00f3n de centro educativo en Rub\\u00ed&quot;},{&quot;src&quot;:&quot;https:\\\/\\\/www.garciafaura.com\\\/wp-content\\\/uploads\\\/2018\\\/10\\\/Escola-Pau-Casals-Rubi-07.jpg&quot;,&quot;title&quot;:&quot;Rehabilitaci\\u00f3n de centro educativo en Rub\\u00ed&quot;},{&quot;src&quot;:&quot;https:\\\/\\\/www.garciafaura.com\\\/wp-content\\\/uploads\\\/2018\\\/10\\\/Escola-Pau-Casals-Rubi-06.jpg&quot;,&quot;title&quot;:&quot;Rehabilitaci\\u00f3n de centro educativo en Rub\\u00ed&quot;},{&quot;src&quot;:&quot;https:\\\/\\\/www.garciafaura.com\\\/wp-content\\\/uploads\\\/2018\\\/10\\\/Escola-Pau-Casals-Rubi-05.jpg&quot;,&quot;title&quot;:&quot;Rehabilitaci\\u00f3n de centro educativo en Rub\\u00ed&quot;},{&quot;src&quot;:&quot;https:\\\/\\\/www.garciafaura.com\\\/wp-content\\\/uploads\\\/2018\\\/10\\\/Escola-Pau-Casals-Rubi-04.jpg&quot;,&quot;title&quot;:&quot;Rehabilitaci\\u00f3n de centro educativo en Rub\\u00ed&quot;},{&quot;src&quot;:&quot;https:\\\/\\\/www.garciafaura.com\\\/wp-content\\\/uploads\\\/2018\\\/10\\\/Escola-Pau-Casals-Rubi-03.jpg&quot;,&quot;title&quot;:&quot;Rehabilitaci\\u00f3n de centro educativo en Rub\\u00ed&quot;},{&quot;src&quot;:&quot;https:\\\/\\\/www.garciafaura.com\\\/wp-content\\\/uploads\\\/2018\\\/10\\\/Escola-Pau-Casals-Rubi-02.jpg&quot;,&quot;title&quot;:&quot;Rehabilitaci\\u00f3n de centro educativo en Rub\\u00ed&quot;}]\"><img loading=\"lazy\" decoding=\"async\" data-no-lazy=\"1\" class=\"portfolio-entry-img skip-lazy\" src=\"https:\/\/www.garciafaura.com\/wp-content\/uploads\/2018\/10\/Escola-Pau-Casals-Rubi-01-600x314.jpg\" alt=\"Rehabilitaci\u00f3n De Centro Educativo En Rub\u00ed\" data-no-retina width=\"600\" height=\"314\" \/><\/a><\/div><div class=\"portfolio-entry-details entry-details wpex-clr\"><h2 class=\"portfolio-entry-title entry-title\"><a href=\"https:\/\/www.garciafaura.com\/es\/portfolio-item\/rehabilitacion-escuela-pau-casals\/\" title=\"Rehabilitaci\u00f3n Escuela Pau Casals\">Rehabilitaci\u00f3n Escuela Pau Casals<\/a><\/h2><div class=\"portfolio-entry-categories entry-categories wpex-clr\"><a href=\"https:\/\/www.garciafaura.com\/es\/portfolio-category\/edificios-de-servicios\/\" class=\"term-49\">Edificios de Servicios<\/a><\/div><\/div><\/div><\/div><div class=\"portfolio-entry vcex-grid-item entry-has-details span_1_of_3 col col-3 vcex-isotope-entry vcex-no-margin-entry post-17735 entry type-portfolio has-media cat-49 cat-50 translation_priority-6\"><div class=\"portfolio-entry-inner entry-inner wpex-clr\"><div class=\"portfolio-entry-media entry-media wpex-clr\"><a href=\"https:\/\/www.garciafaura.com\/wp-content\/uploads\/2018\/10\/Nova-Escola-Massana-01.jpg\" title=\"Nueva Escuela Massana\" class=\"portfolio-entry-media-link wpex-lightbox-gallery\" data-gallery=\"[{&quot;src&quot;:&quot;https:\\\/\\\/www.garciafaura.com\\\/wp-content\\\/uploads\\\/2018\\\/10\\\/Nova-Escola-Massana-01.jpg&quot;,&quot;title&quot;:&quot;Muro cortina y cerramientos del nuevo edificio del Centro de Arte y Dise\\u00f1o&quot;},{&quot;src&quot;:&quot;https:\\\/\\\/www.garciafaura.com\\\/wp-content\\\/uploads\\\/2018\\\/10\\\/Nova-Escola-Massana-20.jpg&quot;,&quot;title&quot;:&quot;Muro cortina y cerramientos del nuevo edificio del Centro de Arte y Dise\\u00f1o&quot;},{&quot;src&quot;:&quot;https:\\\/\\\/www.garciafaura.com\\\/wp-content\\\/uploads\\\/2018\\\/10\\\/Nova-Escola-Massana-19.jpg&quot;,&quot;title&quot;:&quot;Muro cortina y cerramientos del nuevo edificio del Centro de Arte y Dise\\u00f1o&quot;},{&quot;src&quot;:&quot;https:\\\/\\\/www.garciafaura.com\\\/wp-content\\\/uploads\\\/2018\\\/10\\\/Nova-Escola-Massana-18.jpg&quot;,&quot;title&quot;:&quot;Muro cortina y cerramientos del nuevo edificio del Centro de Arte y Dise\\u00f1o&quot;},{&quot;src&quot;:&quot;https:\\\/\\\/www.garciafaura.com\\\/wp-content\\\/uploads\\\/2018\\\/10\\\/Nova-Escola-Massana-17.jpg&quot;,&quot;title&quot;:&quot;Muro cortina y cerramientos del nuevo edificio del Centro de Arte y Dise\\u00f1o&quot;},{&quot;src&quot;:&quot;https:\\\/\\\/www.garciafaura.com\\\/wp-content\\\/uploads\\\/2018\\\/10\\\/Nova-Escola-Massana-16.jpg&quot;,&quot;title&quot;:&quot;Muro cortina y cerramientos del nuevo edificio del Centro de Arte y Dise\\u00f1o&quot;},{&quot;src&quot;:&quot;https:\\\/\\\/www.garciafaura.com\\\/wp-content\\\/uploads\\\/2018\\\/10\\\/Nova-Escola-Massana-15.jpg&quot;,&quot;title&quot;:&quot;Muro cortina y cerramientos del nuevo edificio del Centro de Arte y Dise\\u00f1o&quot;},{&quot;src&quot;:&quot;https:\\\/\\\/www.garciafaura.com\\\/wp-content\\\/uploads\\\/2018\\\/10\\\/Nova-Escola-Massana-14.jpg&quot;,&quot;title&quot;:&quot;Muro cortina y cerramientos del nuevo edificio del Centro de Arte y Dise\\u00f1o&quot;},{&quot;src&quot;:&quot;https:\\\/\\\/www.garciafaura.com\\\/wp-content\\\/uploads\\\/2018\\\/10\\\/Nova-Escola-Massana-13.jpg&quot;,&quot;title&quot;:&quot;Muro cortina y cerramientos del nuevo edificio del Centro de Arte y Dise\\u00f1o&quot;},{&quot;src&quot;:&quot;https:\\\/\\\/www.garciafaura.com\\\/wp-content\\\/uploads\\\/2018\\\/10\\\/Nova-Escola-Massana-12.jpg&quot;,&quot;title&quot;:&quot;Muro cortina y cerramientos del nuevo edificio del Centro de Arte y Dise\\u00f1o&quot;},{&quot;src&quot;:&quot;https:\\\/\\\/www.garciafaura.com\\\/wp-content\\\/uploads\\\/2018\\\/10\\\/Nova-Escola-Massana-11.jpg&quot;,&quot;title&quot;:&quot;Muro cortina y cerramientos del nuevo edificio del Centro de Arte y Dise\\u00f1o&quot;},{&quot;src&quot;:&quot;https:\\\/\\\/www.garciafaura.com\\\/wp-content\\\/uploads\\\/2018\\\/10\\\/Nova-Escola-Massana-10.jpg&quot;,&quot;title&quot;:&quot;Muro cortina y cerramientos del nuevo edificio del Centro de Arte y Dise\\u00f1o&quot;},{&quot;src&quot;:&quot;https:\\\/\\\/www.garciafaura.com\\\/wp-content\\\/uploads\\\/2018\\\/10\\\/Nova-Escola-Massana-09.jpg&quot;,&quot;title&quot;:&quot;Muro cortina y cerramientos del nuevo edificio del Centro de Arte y Dise\\u00f1o&quot;},{&quot;src&quot;:&quot;https:\\\/\\\/www.garciafaura.com\\\/wp-content\\\/uploads\\\/2018\\\/10\\\/Nova-Escola-Massana-08.jpg&quot;,&quot;title&quot;:&quot;Muro cortina y cerramientos del nuevo edificio del Centro de Arte y Dise\\u00f1o&quot;},{&quot;src&quot;:&quot;https:\\\/\\\/www.garciafaura.com\\\/wp-content\\\/uploads\\\/2018\\\/10\\\/Nova-Escola-Massana-07.jpg&quot;,&quot;title&quot;:&quot;Muro cortina y cerramientos del nuevo edificio del Centro de Arte y Dise\\u00f1o&quot;},{&quot;src&quot;:&quot;https:\\\/\\\/www.garciafaura.com\\\/wp-content\\\/uploads\\\/2018\\\/10\\\/Nova-Escola-Massana-06.jpg&quot;,&quot;title&quot;:&quot;Muro cortina y cerramientos del nuevo edificio del Centro de Arte y Dise\\u00f1o&quot;},{&quot;src&quot;:&quot;https:\\\/\\\/www.garciafaura.com\\\/wp-content\\\/uploads\\\/2018\\\/10\\\/Nova-Escola-Massana-05.jpg&quot;,&quot;title&quot;:&quot;Muro cortina y cerramientos del nuevo edificio del Centro de Arte y Dise\\u00f1o&quot;},{&quot;src&quot;:&quot;https:\\\/\\\/www.garciafaura.com\\\/wp-content\\\/uploads\\\/2018\\\/10\\\/Nova-Escola-Massana-04.jpg&quot;,&quot;title&quot;:&quot;Muro cortina y cerramientos del nuevo edificio del Centro de Arte y Dise\\u00f1o&quot;},{&quot;src&quot;:&quot;https:\\\/\\\/www.garciafaura.com\\\/wp-content\\\/uploads\\\/2018\\\/10\\\/Nova-Escola-Massana-03.jpg&quot;,&quot;title&quot;:&quot;Muro cortina y cerramientos del nuevo edificio del Centro de Arte y Dise\\u00f1o&quot;},{&quot;src&quot;:&quot;https:\\\/\\\/www.garciafaura.com\\\/wp-content\\\/uploads\\\/2018\\\/10\\\/Nova-Escola-Massana-02.jpg&quot;,&quot;title&quot;:&quot;Muro cortina y cerramientos del nuevo edificio del Centro de Arte y Dise\\u00f1o&quot;}]\"><img loading=\"lazy\" decoding=\"async\" data-no-lazy=\"1\" class=\"portfolio-entry-img skip-lazy\" src=\"https:\/\/www.garciafaura.com\/wp-content\/uploads\/2018\/10\/Nova-Escola-Massana-01-600x314.jpg\" alt=\"Muro Cortina Y Cerramientos Del Nuevo Edificio Del Centro De Arte Y Dise\u00f1o\" data-no-retina width=\"600\" height=\"314\" \/><\/a><\/div><div class=\"portfolio-entry-details entry-details wpex-clr\"><h2 class=\"portfolio-entry-title entry-title\"><a href=\"https:\/\/www.garciafaura.com\/es\/portfolio-item\/nueva-escuela-massana\/\" title=\"Nueva Escuela Massana\">Nueva Escuela Massana<\/a><\/h2><div class=\"portfolio-entry-categories entry-categories wpex-clr\"><a href=\"https:\/\/www.garciafaura.com\/es\/portfolio-category\/edificios-de-servicios\/\" class=\"term-49\">Edificios de Servicios<\/a><\/div><\/div><\/div><\/div><div class=\"portfolio-entry vcex-grid-item entry-has-details span_1_of_3 col col-1 vcex-isotope-entry vcex-no-margin-entry post-17729 entry type-portfolio has-media cat-49 translation_priority-6\"><div class=\"portfolio-entry-inner entry-inner wpex-clr\"><div class=\"portfolio-entry-media entry-media wpex-clr\"><a href=\"https:\/\/www.garciafaura.com\/wp-content\/uploads\/2018\/09\/CAP-Montbaig-Viladecans-01.jpg\" title=\"Centro de Atenci\u00f3n Primaria Montbaig\" class=\"portfolio-entry-media-link wpex-lightbox-gallery\" data-gallery=\"[{&quot;src&quot;:&quot;https:\\\/\\\/www.garciafaura.com\\\/wp-content\\\/uploads\\\/2018\\\/09\\\/CAP-Montbaig-Viladecans-01.jpg&quot;,&quot;title&quot;:&quot;Cerramientos del nuevo ambulatorio en el Sector Levante de Viladecans&quot;},{&quot;src&quot;:&quot;https:\\\/\\\/www.garciafaura.com\\\/wp-content\\\/uploads\\\/2018\\\/09\\\/CAP-Montbaig-Viladecans-17.jpg&quot;,&quot;title&quot;:&quot;Cerramientos del nuevo ambulatorio en el Sector Levante de Viladecans&quot;},{&quot;src&quot;:&quot;https:\\\/\\\/www.garciafaura.com\\\/wp-content\\\/uploads\\\/2018\\\/09\\\/CAP-Montbaig-Viladecans-16.jpg&quot;,&quot;title&quot;:&quot;Cerramientos del nuevo ambulatorio en el Sector Levante de Viladecans&quot;},{&quot;src&quot;:&quot;https:\\\/\\\/www.garciafaura.com\\\/wp-content\\\/uploads\\\/2018\\\/09\\\/CAP-Montbaig-Viladecans-15.jpg&quot;,&quot;title&quot;:&quot;Cerramientos del nuevo ambulatorio en el Sector Levante de Viladecans&quot;},{&quot;src&quot;:&quot;https:\\\/\\\/www.garciafaura.com\\\/wp-content\\\/uploads\\\/2018\\\/09\\\/CAP-Montbaig-Viladecans-14.jpg&quot;,&quot;title&quot;:&quot;Cerramientos del nuevo ambulatorio en el Sector Levante de Viladecans&quot;},{&quot;src&quot;:&quot;https:\\\/\\\/www.garciafaura.com\\\/wp-content\\\/uploads\\\/2018\\\/09\\\/CAP-Montbaig-Viladecans-13.jpg&quot;,&quot;title&quot;:&quot;Cerramientos del nuevo ambulatorio en el Sector Levante de Viladecans&quot;},{&quot;src&quot;:&quot;https:\\\/\\\/www.garciafaura.com\\\/wp-content\\\/uploads\\\/2018\\\/09\\\/CAP-Montbaig-Viladecans-12.jpg&quot;,&quot;title&quot;:&quot;Cerramientos del nuevo ambulatorio en el Sector Levante de Viladecans&quot;},{&quot;src&quot;:&quot;https:\\\/\\\/www.garciafaura.com\\\/wp-content\\\/uploads\\\/2018\\\/09\\\/CAP-Montbaig-Viladecans-11.jpg&quot;,&quot;title&quot;:&quot;Cerramientos del nuevo ambulatorio en el Sector Levante de Viladecans&quot;},{&quot;src&quot;:&quot;https:\\\/\\\/www.garciafaura.com\\\/wp-content\\\/uploads\\\/2018\\\/09\\\/CAP-Montbaig-Viladecans-10.jpg&quot;,&quot;title&quot;:&quot;Cerramientos del nuevo ambulatorio en el Sector Levante de Viladecans&quot;},{&quot;src&quot;:&quot;https:\\\/\\\/www.garciafaura.com\\\/wp-content\\\/uploads\\\/2018\\\/09\\\/CAP-Montbaig-Viladecans-09.jpg&quot;,&quot;title&quot;:&quot;Cerramientos del nuevo ambulatorio en el Sector Levante de Viladecans&quot;},{&quot;src&quot;:&quot;https:\\\/\\\/www.garciafaura.com\\\/wp-content\\\/uploads\\\/2018\\\/09\\\/CAP-Montbaig-Viladecans-08.jpg&quot;,&quot;title&quot;:&quot;Cerramientos del nuevo ambulatorio en el Sector Levante de Viladecans&quot;},{&quot;src&quot;:&quot;https:\\\/\\\/www.garciafaura.com\\\/wp-content\\\/uploads\\\/2018\\\/09\\\/CAP-Montbaig-Viladecans-06.jpg&quot;,&quot;title&quot;:&quot;Cerramientos del nuevo ambulatorio en el Sector Levante de Viladecans&quot;},{&quot;src&quot;:&quot;https:\\\/\\\/www.garciafaura.com\\\/wp-content\\\/uploads\\\/2018\\\/09\\\/CAP-Montbaig-Viladecans-07.jpg&quot;,&quot;title&quot;:&quot;Cerramientos del nuevo ambulatorio en el Sector Levante de Viladecans&quot;},{&quot;src&quot;:&quot;https:\\\/\\\/www.garciafaura.com\\\/wp-content\\\/uploads\\\/2018\\\/09\\\/CAP-Montbaig-Viladecans-05.jpg&quot;,&quot;title&quot;:&quot;Cerramientos del nuevo ambulatorio en el Sector Levante de Viladecans&quot;},{&quot;src&quot;:&quot;https:\\\/\\\/www.garciafaura.com\\\/wp-content\\\/uploads\\\/2018\\\/09\\\/CAP-Montbaig-Viladecans-04.jpg&quot;,&quot;title&quot;:&quot;Cerramientos del nuevo ambulatorio en el Sector Levante de Viladecans&quot;},{&quot;src&quot;:&quot;https:\\\/\\\/www.garciafaura.com\\\/wp-content\\\/uploads\\\/2018\\\/09\\\/CAP-Montbaig-Viladecans-03.jpg&quot;,&quot;title&quot;:&quot;Cerramientos del nuevo ambulatorio en el Sector Levante de Viladecans&quot;},{&quot;src&quot;:&quot;https:\\\/\\\/www.garciafaura.com\\\/wp-content\\\/uploads\\\/2018\\\/09\\\/CAP-Montbaig-Viladecans-02.jpg&quot;,&quot;title&quot;:&quot;Cerramientos del nuevo ambulatorio en el Sector Levante de Viladecans&quot;}]\"><img loading=\"lazy\" decoding=\"async\" data-no-lazy=\"1\" class=\"portfolio-entry-img skip-lazy\" src=\"https:\/\/www.garciafaura.com\/wp-content\/uploads\/2018\/09\/CAP-Montbaig-Viladecans-01-600x314.jpg\" alt=\"Cerramientos Del Nuevo Ambulatorio En El Sector Levante De Viladecans\" data-no-retina width=\"600\" height=\"314\" \/><\/a><\/div><div class=\"portfolio-entry-details entry-details wpex-clr\"><h2 class=\"portfolio-entry-title entry-title\"><a href=\"https:\/\/www.garciafaura.com\/es\/portfolio-item\/centro-de-atencion-primaria-montbaig\/\" title=\"Centro de Atenci\u00f3n Primaria Montbaig\">Centro de Atenci\u00f3n Primaria Montbaig<\/a><\/h2><div class=\"portfolio-entry-categories entry-categories wpex-clr\"><a href=\"https:\/\/www.garciafaura.com\/es\/portfolio-category\/edificios-de-servicios\/\" class=\"term-49\">Edificios de Servicios<\/a><\/div><\/div><\/div><\/div><div class=\"portfolio-entry vcex-grid-item entry-has-details span_1_of_3 col col-2 vcex-isotope-entry vcex-no-margin-entry post-17708 entry type-portfolio has-media cat-49 translation_priority-6\"><div class=\"portfolio-entry-inner entry-inner wpex-clr\"><div class=\"portfolio-entry-media entry-media wpex-clr\"><a href=\"https:\/\/www.garciafaura.com\/wp-content\/uploads\/2018\/09\/Lllar-Amistat-Mataro-03.jpg\" title=\"Centro residencial Llars de l&#8217;Amistat\" class=\"portfolio-entry-media-link wpex-lightbox-gallery\" data-gallery=\"[{&quot;src&quot;:&quot;https:\\\/\\\/www.garciafaura.com\\\/wp-content\\\/uploads\\\/2018\\\/09\\\/Lllar-Amistat-Mataro-01.jpg&quot;,&quot;title&quot;:&quot;Cerramientos de aluminio&quot;},{&quot;src&quot;:&quot;https:\\\/\\\/www.garciafaura.com\\\/wp-content\\\/uploads\\\/2018\\\/09\\\/Lllar-Amistat-Mataro-10.jpg&quot;,&quot;title&quot;:&quot;Cerramientos de aluminio&quot;},{&quot;src&quot;:&quot;https:\\\/\\\/www.garciafaura.com\\\/wp-content\\\/uploads\\\/2018\\\/09\\\/Lllar-Amistat-Mataro-09.jpg&quot;,&quot;title&quot;:&quot;Cerramientos de aluminio&quot;},{&quot;src&quot;:&quot;https:\\\/\\\/www.garciafaura.com\\\/wp-content\\\/uploads\\\/2018\\\/09\\\/Lllar-Amistat-Mataro-08.jpg&quot;,&quot;title&quot;:&quot;Cerramientos de aluminio&quot;},{&quot;src&quot;:&quot;https:\\\/\\\/www.garciafaura.com\\\/wp-content\\\/uploads\\\/2018\\\/09\\\/Lllar-Amistat-Mataro-07.jpg&quot;,&quot;title&quot;:&quot;Cerramientos de aluminio&quot;},{&quot;src&quot;:&quot;https:\\\/\\\/www.garciafaura.com\\\/wp-content\\\/uploads\\\/2018\\\/09\\\/Lllar-Amistat-Mataro-06.jpg&quot;,&quot;title&quot;:&quot;Cerramientos de aluminio&quot;},{&quot;src&quot;:&quot;https:\\\/\\\/www.garciafaura.com\\\/wp-content\\\/uploads\\\/2018\\\/09\\\/Lllar-Amistat-Mataro-05.jpg&quot;,&quot;title&quot;:&quot;Cerramientos de aluminio&quot;},{&quot;src&quot;:&quot;https:\\\/\\\/www.garciafaura.com\\\/wp-content\\\/uploads\\\/2018\\\/09\\\/Lllar-Amistat-Mataro-04.jpg&quot;,&quot;title&quot;:&quot;Cerramientos de aluminio&quot;},{&quot;src&quot;:&quot;https:\\\/\\\/www.garciafaura.com\\\/wp-content\\\/uploads\\\/2018\\\/09\\\/Lllar-Amistat-Mataro-03.jpg&quot;,&quot;title&quot;:&quot;Cerramientos de aluminio&quot;},{&quot;src&quot;:&quot;https:\\\/\\\/www.garciafaura.com\\\/wp-content\\\/uploads\\\/2018\\\/09\\\/Lllar-Amistat-Mataro-02.jpg&quot;,&quot;title&quot;:&quot;Cerramientos de aluminio&quot;}]\"><img loading=\"lazy\" decoding=\"async\" data-no-lazy=\"1\" class=\"portfolio-entry-img skip-lazy\" src=\"https:\/\/www.garciafaura.com\/wp-content\/uploads\/2018\/09\/Lllar-Amistat-Mataro-03-600x314.jpg\" alt=\"Cerramientos De Aluminio\" data-no-retina width=\"600\" height=\"314\" \/><\/a><\/div><div class=\"portfolio-entry-details entry-details wpex-clr\"><h2 class=\"portfolio-entry-title entry-title\"><a href=\"https:\/\/www.garciafaura.com\/es\/portfolio-item\/centro-residencial-llars-de-lamistat\/\" title=\"Centro residencial Llars de l&#8217;Amistat\">Centro residencial Llars de l&#8217;Amistat<\/a><\/h2><div class=\"portfolio-entry-categories entry-categories wpex-clr\"><a href=\"https:\/\/www.garciafaura.com\/es\/portfolio-category\/edificios-de-servicios\/\" class=\"term-49\">Edificios de Servicios<\/a><\/div><\/div><\/div><\/div><div class=\"portfolio-entry vcex-grid-item entry-has-details span_1_of_3 col col-3 vcex-isotope-entry vcex-no-margin-entry post-17690 entry type-portfolio has-media cat-49 cat-51 translation_priority-6\"><div class=\"portfolio-entry-inner entry-inner wpex-clr\"><div class=\"portfolio-entry-media entry-media wpex-clr\"><a href=\"https:\/\/www.garciafaura.com\/wp-content\/uploads\/2018\/09\/Supermecat-Premia-Mar-07.jpg\" title=\"Centro Comercial Sorli\" class=\"portfolio-entry-media-link wpex-lightbox-gallery\" data-gallery=\"[{&quot;src&quot;:&quot;https:\\\/\\\/www.garciafaura.com\\\/wp-content\\\/uploads\\\/2018\\\/09\\\/Supermecat-Premia-Mar-07.jpg&quot;,&quot;title&quot;:&quot;Fachada y cerramientos en nuevo establecimiento comercial&quot;},{&quot;src&quot;:&quot;https:\\\/\\\/www.garciafaura.com\\\/wp-content\\\/uploads\\\/2018\\\/09\\\/Supermecat-Premia-Mar-01.jpg&quot;,&quot;title&quot;:&quot;Fachada y cerramientos en nuevo establecimiento comercial&quot;},{&quot;src&quot;:&quot;https:\\\/\\\/www.garciafaura.com\\\/wp-content\\\/uploads\\\/2018\\\/09\\\/Supermecat-Premia-Mar-09.jpg&quot;,&quot;title&quot;:&quot;Fachada y cerramientos en nuevo establecimiento comercial&quot;},{&quot;src&quot;:&quot;https:\\\/\\\/www.garciafaura.com\\\/wp-content\\\/uploads\\\/2018\\\/09\\\/Supermecat-Premia-Mar-08.jpg&quot;,&quot;title&quot;:&quot;Fachada y cerramientos en nuevo establecimiento comercial&quot;},{&quot;src&quot;:&quot;https:\\\/\\\/www.garciafaura.com\\\/wp-content\\\/uploads\\\/2018\\\/09\\\/Supermecat-Premia-Mar-06.jpg&quot;,&quot;title&quot;:&quot;Fachada y cerramientos en nuevo establecimiento comercial&quot;},{&quot;src&quot;:&quot;https:\\\/\\\/www.garciafaura.com\\\/wp-content\\\/uploads\\\/2018\\\/09\\\/Supermecat-Premia-Mar-05.jpg&quot;,&quot;title&quot;:&quot;Fachada y cerramientos en nuevo establecimiento comercial&quot;},{&quot;src&quot;:&quot;https:\\\/\\\/www.garciafaura.com\\\/wp-content\\\/uploads\\\/2018\\\/09\\\/Supermecat-Premia-Mar-04.jpg&quot;,&quot;title&quot;:&quot;Fachada y cerramientos en nuevo establecimiento comercial&quot;},{&quot;src&quot;:&quot;https:\\\/\\\/www.garciafaura.com\\\/wp-content\\\/uploads\\\/2018\\\/09\\\/Supermecat-Premia-Mar-03.jpg&quot;,&quot;title&quot;:&quot;Fachada y cerramientos en nuevo establecimiento comercial&quot;},{&quot;src&quot;:&quot;https:\\\/\\\/www.garciafaura.com\\\/wp-content\\\/uploads\\\/2018\\\/09\\\/Supermecat-Premia-Mar-02.jpg&quot;,&quot;title&quot;:&quot;Fachada y cerramientos en nuevo establecimiento comercial&quot;}]\"><img loading=\"lazy\" decoding=\"async\" data-no-lazy=\"1\" class=\"portfolio-entry-img skip-lazy\" src=\"https:\/\/www.garciafaura.com\/wp-content\/uploads\/2018\/09\/Supermecat-Premia-Mar-07-600x314.jpg\" alt=\"Fachada Y Cerramientos En Nuevo Establecimiento Comercial\" data-no-retina width=\"600\" height=\"314\" \/><\/a><\/div><div class=\"portfolio-entry-details entry-details wpex-clr\"><h2 class=\"portfolio-entry-title entry-title\"><a href=\"https:\/\/www.garciafaura.com\/es\/portfolio-item\/centro-comercial-sorli\/\" title=\"Centro Comercial Sorli\">Centro Comercial Sorli<\/a><\/h2><div class=\"portfolio-entry-categories entry-categories wpex-clr\"><a href=\"https:\/\/www.garciafaura.com\/es\/portfolio-category\/edificios-de-servicios\/\" class=\"term-49\">Edificios de Servicios<\/a><\/div><\/div><\/div><\/div><div class=\"portfolio-entry vcex-grid-item entry-has-details span_1_of_3 col col-1 vcex-isotope-entry vcex-no-margin-entry post-17687 entry type-portfolio has-media cat-49 cat-50 translation_priority-6\"><div class=\"portfolio-entry-inner entry-inner wpex-clr\"><div class=\"portfolio-entry-media entry-media wpex-clr\"><a href=\"https:\/\/www.garciafaura.com\/wp-content\/uploads\/2018\/09\/Escola-Betania-Patmos-02.jpg\" title=\"Escuela Bet\u00e0nia Patmos\" class=\"portfolio-entry-media-link wpex-lightbox-gallery\" data-gallery=\"[{&quot;src&quot;:&quot;https:\\\/\\\/www.garciafaura.com\\\/wp-content\\\/uploads\\\/2018\\\/09\\\/Escola-Betania-Patmos-02.jpg&quot;,&quot;title&quot;:&quot;Cerramientos, lucernario y fachada de lamas solares &quot;},{&quot;src&quot;:&quot;https:\\\/\\\/www.garciafaura.com\\\/wp-content\\\/uploads\\\/2018\\\/09\\\/Escola-Betania-Parmos-22.jpg&quot;,&quot;title&quot;:&quot;Cerramientos, lucernario y fachada de lamas solares &quot;},{&quot;src&quot;:&quot;https:\\\/\\\/www.garciafaura.com\\\/wp-content\\\/uploads\\\/2018\\\/09\\\/Escola-Betania-Patmos-21.jpg&quot;,&quot;title&quot;:&quot;Cerramientos, lucernario y fachada de lamas solares &quot;},{&quot;src&quot;:&quot;https:\\\/\\\/www.garciafaura.com\\\/wp-content\\\/uploads\\\/2018\\\/09\\\/Escola-Betania-Patmos-20.jpg&quot;,&quot;title&quot;:&quot;Cerramientos, lucernario y fachada de lamas solares &quot;},{&quot;src&quot;:&quot;https:\\\/\\\/www.garciafaura.com\\\/wp-content\\\/uploads\\\/2018\\\/09\\\/Escola-Betania-Patmos-19.jpg&quot;,&quot;title&quot;:&quot;Cerramientos, lucernario y fachada de lamas solares &quot;},{&quot;src&quot;:&quot;https:\\\/\\\/www.garciafaura.com\\\/wp-content\\\/uploads\\\/2018\\\/09\\\/Escola-Betania-Patmos-18.jpg&quot;,&quot;title&quot;:&quot;Cerramientos, lucernario y fachada de lamas solares &quot;},{&quot;src&quot;:&quot;https:\\\/\\\/www.garciafaura.com\\\/wp-content\\\/uploads\\\/2018\\\/09\\\/Escola-Betania-Patmos-17.jpg&quot;,&quot;title&quot;:&quot;Cerramientos, lucernario y fachada de lamas solares &quot;},{&quot;src&quot;:&quot;https:\\\/\\\/www.garciafaura.com\\\/wp-content\\\/uploads\\\/2018\\\/09\\\/Escola-Betania-Patmos-16.jpg&quot;,&quot;title&quot;:&quot;Cerramientos, lucernario y fachada de lamas solares &quot;},{&quot;src&quot;:&quot;https:\\\/\\\/www.garciafaura.com\\\/wp-content\\\/uploads\\\/2018\\\/09\\\/Escola-Betania-Patmos-15.jpg&quot;,&quot;title&quot;:&quot;Cerramientos, lucernario y fachada de lamas solares &quot;},{&quot;src&quot;:&quot;https:\\\/\\\/www.garciafaura.com\\\/wp-content\\\/uploads\\\/2018\\\/09\\\/Escola-Betania-Patmos-14.jpg&quot;,&quot;title&quot;:&quot;Cerramientos, lucernario y fachada de lamas solares &quot;},{&quot;src&quot;:&quot;https:\\\/\\\/www.garciafaura.com\\\/wp-content\\\/uploads\\\/2018\\\/09\\\/Escola-Betania-Patmos-13.jpg&quot;,&quot;title&quot;:&quot;Cerramientos, lucernario y fachada de lamas solares &quot;},{&quot;src&quot;:&quot;https:\\\/\\\/www.garciafaura.com\\\/wp-content\\\/uploads\\\/2018\\\/09\\\/Escola-Betania-Patmos-12.jpg&quot;,&quot;title&quot;:&quot;Cerramientos, lucernario y fachada de lamas solares &quot;},{&quot;src&quot;:&quot;https:\\\/\\\/www.garciafaura.com\\\/wp-content\\\/uploads\\\/2018\\\/09\\\/Escola-Betania-Patmos-11.jpg&quot;,&quot;title&quot;:&quot;Cerramientos, lucernario y fachada de lamas solares &quot;},{&quot;src&quot;:&quot;https:\\\/\\\/www.garciafaura.com\\\/wp-content\\\/uploads\\\/2018\\\/09\\\/Escola-Betania-Patmos-10.jpg&quot;,&quot;title&quot;:&quot;Cerramientos, lucernario y fachada de lamas solares &quot;},{&quot;src&quot;:&quot;https:\\\/\\\/www.garciafaura.com\\\/wp-content\\\/uploads\\\/2018\\\/09\\\/Escola-Betania-Patmos-09.jpg&quot;,&quot;title&quot;:&quot;Cerramientos, lucernario y fachada de lamas solares &quot;},{&quot;src&quot;:&quot;https:\\\/\\\/www.garciafaura.com\\\/wp-content\\\/uploads\\\/2018\\\/09\\\/Escola-Betania-Patmos-08.jpg&quot;,&quot;title&quot;:&quot;Cerramientos, lucernario y fachada de lamas solares &quot;},{&quot;src&quot;:&quot;https:\\\/\\\/www.garciafaura.com\\\/wp-content\\\/uploads\\\/2018\\\/09\\\/Escola-Betania-Patmos-07.jpg&quot;,&quot;title&quot;:&quot;Cerramientos, lucernario y fachada de lamas solares &quot;},{&quot;src&quot;:&quot;https:\\\/\\\/www.garciafaura.com\\\/wp-content\\\/uploads\\\/2018\\\/09\\\/Escola-Betania-Patmos-06.jpg&quot;,&quot;title&quot;:&quot;Cerramientos, lucernario y fachada de lamas solares &quot;},{&quot;src&quot;:&quot;https:\\\/\\\/www.garciafaura.com\\\/wp-content\\\/uploads\\\/2018\\\/09\\\/Escola-Betania-Patmos-05.jpg&quot;,&quot;title&quot;:&quot;Cerramientos, lucernario y fachada de lamas solares &quot;},{&quot;src&quot;:&quot;https:\\\/\\\/www.garciafaura.com\\\/wp-content\\\/uploads\\\/2018\\\/09\\\/Escola-Betania-Patmos-04.jpg&quot;,&quot;title&quot;:&quot;Cerramientos, lucernario y fachada de lamas solares &quot;},{&quot;src&quot;:&quot;https:\\\/\\\/www.garciafaura.com\\\/wp-content\\\/uploads\\\/2018\\\/09\\\/Escola-Betania-Patmos-03.jpg&quot;,&quot;title&quot;:&quot;Cerramientos, lucernario y fachada de lamas solares &quot;},{&quot;src&quot;:&quot;https:\\\/\\\/www.garciafaura.com\\\/wp-content\\\/uploads\\\/2018\\\/09\\\/Escola-Betania-Patmos-01.jpg&quot;,&quot;title&quot;:&quot;Cerramientos, lucernario y fachada de lamas solares &quot;}]\"><img loading=\"lazy\" decoding=\"async\" data-no-lazy=\"1\" class=\"portfolio-entry-img skip-lazy\" src=\"https:\/\/www.garciafaura.com\/wp-content\/uploads\/2018\/09\/Escola-Betania-Patmos-02-600x314.jpg\" alt=\"Cerramientos, Lucernario Y Fachada De Lamas Solares\" data-no-retina width=\"600\" height=\"314\" \/><\/a><\/div><div class=\"portfolio-entry-details entry-details wpex-clr\"><h2 class=\"portfolio-entry-title entry-title\"><a href=\"https:\/\/www.garciafaura.com\/es\/portfolio-item\/escuela-betania-patmos\/\" title=\"Escuela Bet\u00e0nia Patmos\">Escuela Bet\u00e0nia Patmos<\/a><\/h2><div class=\"portfolio-entry-categories entry-categories wpex-clr\"><a href=\"https:\/\/www.garciafaura.com\/es\/portfolio-category\/edificios-de-servicios\/\" class=\"term-49\">Edificios de Servicios<\/a><\/div><\/div><\/div><\/div><div class=\"portfolio-entry vcex-grid-item entry-has-details span_1_of_3 col col-2 vcex-isotope-entry vcex-no-margin-entry post-17684 entry type-portfolio has-media cat-49 translation_priority-6\"><div class=\"portfolio-entry-inner entry-inner wpex-clr\"><div class=\"portfolio-entry-media entry-media wpex-clr\"><a href=\"https:\/\/www.garciafaura.com\/wp-content\/uploads\/2018\/09\/Biblioteca-Sant-Sadurni-Anoia-01.jpg\" title=\"Centro Cultural Pla\u00e7a Nova\" class=\"portfolio-entry-media-link wpex-lightbox-gallery\" data-gallery=\"[{&quot;src&quot;:&quot;https:\\\/\\\/www.garciafaura.com\\\/wp-content\\\/uploads\\\/2018\\\/09\\\/Biblioteca-Sant-Sadurni-Anoia-01.jpg&quot;,&quot;title&quot;:&quot;Cerramientos para el nuevo equipamiento cultural de Sant Sadurn\\u00ed d&#039;Anoia&quot;},{&quot;src&quot;:&quot;https:\\\/\\\/www.garciafaura.com\\\/wp-content\\\/uploads\\\/2018\\\/09\\\/Biblioteca-Sant-Sadurni-Anoia-15.jpg&quot;,&quot;title&quot;:&quot;Cerramientos para el nuevo equipamiento cultural de Sant Sadurn\\u00ed d&#039;Anoia&quot;},{&quot;src&quot;:&quot;https:\\\/\\\/www.garciafaura.com\\\/wp-content\\\/uploads\\\/2018\\\/09\\\/Biblioteca-Sant-Sadurni-Anoia-14.jpg&quot;,&quot;title&quot;:&quot;Cerramientos para el nuevo equipamiento cultural de Sant Sadurn\\u00ed d&#039;Anoia&quot;},{&quot;src&quot;:&quot;https:\\\/\\\/www.garciafaura.com\\\/wp-content\\\/uploads\\\/2018\\\/09\\\/Biblioteca-Sant-Sadurni-Anoia-13.jpg&quot;,&quot;title&quot;:&quot;Cerramientos para el nuevo equipamiento cultural de Sant Sadurn\\u00ed d&#039;Anoia&quot;},{&quot;src&quot;:&quot;https:\\\/\\\/www.garciafaura.com\\\/wp-content\\\/uploads\\\/2018\\\/09\\\/Biblioteca-Sant-Sadurni-Anoia-12.jpg&quot;,&quot;title&quot;:&quot;Cerramientos para el nuevo equipamiento cultural de Sant Sadurn\\u00ed d&#039;Anoia&quot;},{&quot;src&quot;:&quot;https:\\\/\\\/www.garciafaura.com\\\/wp-content\\\/uploads\\\/2018\\\/09\\\/Biblioteca-Sant-Sadurni-Anoia-11.jpg&quot;,&quot;title&quot;:&quot;Cerramientos para el nuevo equipamiento cultural de Sant Sadurn\\u00ed d&#039;Anoia&quot;},{&quot;src&quot;:&quot;https:\\\/\\\/www.garciafaura.com\\\/wp-content\\\/uploads\\\/2018\\\/09\\\/Biblioteca-Sant-Sadurni-Anoia-10.jpg&quot;,&quot;title&quot;:&quot;Cerramientos para el nuevo equipamiento cultural de Sant Sadurn\\u00ed d&#039;Anoia&quot;},{&quot;src&quot;:&quot;https:\\\/\\\/www.garciafaura.com\\\/wp-content\\\/uploads\\\/2018\\\/09\\\/Biblioteca-Sant-Sadurni-Anoia-09.jpg&quot;,&quot;title&quot;:&quot;Cerramientos para el nuevo equipamiento cultural de Sant Sadurn\\u00ed d&#039;Anoia&quot;},{&quot;src&quot;:&quot;https:\\\/\\\/www.garciafaura.com\\\/wp-content\\\/uploads\\\/2018\\\/09\\\/Biblioteca-Sant-Sadurni-Anoia-07.jpg&quot;,&quot;title&quot;:&quot;Cerramientos para el nuevo equipamiento cultural de Sant Sadurn\\u00ed d&#039;Anoia&quot;},{&quot;src&quot;:&quot;https:\\\/\\\/www.garciafaura.com\\\/wp-content\\\/uploads\\\/2018\\\/09\\\/Biblioteca-Sant-Sadurni-Anoia-08.jpg&quot;,&quot;title&quot;:&quot;Cerramientos para el nuevo equipamiento cultural de Sant Sadurn\\u00ed d&#039;Anoia&quot;},{&quot;src&quot;:&quot;https:\\\/\\\/www.garciafaura.com\\\/wp-content\\\/uploads\\\/2018\\\/09\\\/Biblioteca-Sant-Sadurni-Anoia-06.jpg&quot;,&quot;title&quot;:&quot;Cerramientos para el nuevo equipamiento cultural de Sant Sadurn\\u00ed d&#039;Anoia&quot;},{&quot;src&quot;:&quot;https:\\\/\\\/www.garciafaura.com\\\/wp-content\\\/uploads\\\/2018\\\/09\\\/Biblioteca-Sant-Sadurni-Anoia-05.jpg&quot;,&quot;title&quot;:&quot;Cerramientos para el nuevo equipamiento cultural de Sant Sadurn\\u00ed d&#039;Anoia&quot;},{&quot;src&quot;:&quot;https:\\\/\\\/www.garciafaura.com\\\/wp-content\\\/uploads\\\/2018\\\/09\\\/Biblioteca-Sant-Sadurni-Anoia-04.jpg&quot;,&quot;title&quot;:&quot;Cerramientos para el nuevo equipamiento cultural de Sant Sadurn\\u00ed d&#039;Anoia&quot;},{&quot;src&quot;:&quot;https:\\\/\\\/www.garciafaura.com\\\/wp-content\\\/uploads\\\/2018\\\/09\\\/Biblioteca-Sant-Sadurni-Anoia-03.jpg&quot;,&quot;title&quot;:&quot;Cerramientos para el nuevo equipamiento cultural de Sant Sadurn\\u00ed d&#039;Anoia&quot;},{&quot;src&quot;:&quot;https:\\\/\\\/www.garciafaura.com\\\/wp-content\\\/uploads\\\/2018\\\/09\\\/Biblioteca-Sant-Sadurni-Anoia-02.jpg&quot;,&quot;title&quot;:&quot;Cerramientos para el nuevo equipamiento cultural de Sant Sadurn\\u00ed d&#039;Anoia&quot;}]\"><img loading=\"lazy\" decoding=\"async\" data-no-lazy=\"1\" class=\"portfolio-entry-img skip-lazy\" src=\"https:\/\/www.garciafaura.com\/wp-content\/uploads\/2018\/09\/Biblioteca-Sant-Sadurni-Anoia-01-600x314.jpg\" alt=\"Cerramientos Para El Nuevo Equipamiento Cultural De Sant Sadurn\u00ed D'Anoia\" data-no-retina width=\"600\" height=\"314\" \/><\/a><\/div><div class=\"portfolio-entry-details entry-details wpex-clr\"><h2 class=\"portfolio-entry-title entry-title\"><a href=\"https:\/\/www.garciafaura.com\/es\/portfolio-item\/centro-cultural-placa-nova\/\" title=\"Centro Cultural Pla\u00e7a Nova\">Centro Cultural Pla\u00e7a Nova<\/a><\/h2><div class=\"portfolio-entry-categories entry-categories wpex-clr\"><a href=\"https:\/\/www.garciafaura.com\/es\/portfolio-category\/edificios-de-servicios\/\" class=\"term-49\">Edificios de Servicios<\/a><\/div><\/div><\/div><\/div><div class=\"portfolio-entry vcex-grid-item entry-has-details span_1_of_3 col col-3 vcex-isotope-entry vcex-no-margin-entry post-17680 entry type-portfolio has-media cat-49 translation_priority-6\"><div class=\"portfolio-entry-inner entry-inner wpex-clr\"><div class=\"portfolio-entry-media entry-media wpex-clr\"><a href=\"https:\/\/www.garciafaura.com\/wp-content\/uploads\/2018\/09\/CAP-Sant-Pere-de-Ribes-01.jpg\" title=\"CAP Sant Pere de Ribes\" class=\"portfolio-entry-media-link wpex-lightbox-gallery\" data-gallery=\"[{&quot;src&quot;:&quot;https:\\\/\\\/www.garciafaura.com\\\/wp-content\\\/uploads\\\/2018\\\/09\\\/CAP-Sant-Pere-de-Ribes-01.jpg&quot;,&quot;title&quot;:&quot;Cerramientos para el nuevo ambulario de Sant Pere de Ribes&quot;},{&quot;src&quot;:&quot;https:\\\/\\\/www.garciafaura.com\\\/wp-content\\\/uploads\\\/2018\\\/09\\\/CAP-Sant-Pere-de-Ribes-15.jpg&quot;,&quot;title&quot;:&quot;Cerramientos para el nuevo ambulario de Sant Pere de Ribes&quot;},{&quot;src&quot;:&quot;https:\\\/\\\/www.garciafaura.com\\\/wp-content\\\/uploads\\\/2018\\\/09\\\/CAP-Sant-Pere-de-Ribes-14.jpg&quot;,&quot;title&quot;:&quot;Cerramientos para el nuevo ambulario de Sant Pere de Ribes&quot;},{&quot;src&quot;:&quot;https:\\\/\\\/www.garciafaura.com\\\/wp-content\\\/uploads\\\/2018\\\/09\\\/CAP-Sant-Pere-de-Ribes-13.jpg&quot;,&quot;title&quot;:&quot;Cerramientos para el nuevo ambulario de Sant Pere de Ribes&quot;},{&quot;src&quot;:&quot;https:\\\/\\\/www.garciafaura.com\\\/wp-content\\\/uploads\\\/2018\\\/09\\\/CAP-Sant-Pere-de-Ribes-12.jpg&quot;,&quot;title&quot;:&quot;Cerramientos para el nuevo ambulario de Sant Pere de Ribes&quot;},{&quot;src&quot;:&quot;https:\\\/\\\/www.garciafaura.com\\\/wp-content\\\/uploads\\\/2018\\\/09\\\/CAP-Sant-Pere-de-Ribes-11.jpg&quot;,&quot;title&quot;:&quot;Cerramientos para el nuevo ambulario de Sant Pere de Ribes&quot;},{&quot;src&quot;:&quot;https:\\\/\\\/www.garciafaura.com\\\/wp-content\\\/uploads\\\/2018\\\/09\\\/CAP-Sant-Pere-de-Ribes-10.jpg&quot;,&quot;title&quot;:&quot;Cerramientos para el nuevo ambulario de Sant Pere de Ribes&quot;},{&quot;src&quot;:&quot;https:\\\/\\\/www.garciafaura.com\\\/wp-content\\\/uploads\\\/2018\\\/09\\\/CAP-Sant-Pere-de-Ribes-09.jpg&quot;,&quot;title&quot;:&quot;Cerramientos para el nuevo ambulario de Sant Pere de Ribes&quot;},{&quot;src&quot;:&quot;https:\\\/\\\/www.garciafaura.com\\\/wp-content\\\/uploads\\\/2018\\\/09\\\/CAP-Sant-Pere-de-Ribes-08.jpg&quot;,&quot;title&quot;:&quot;Cerramientos para el nuevo ambulario de Sant Pere de Ribes&quot;},{&quot;src&quot;:&quot;https:\\\/\\\/www.garciafaura.com\\\/wp-content\\\/uploads\\\/2018\\\/09\\\/CAP-Sant-Pere-de-Ribes-07.jpg&quot;,&quot;title&quot;:&quot;Cerramientos para el nuevo ambulario de Sant Pere de Ribes&quot;},{&quot;src&quot;:&quot;https:\\\/\\\/www.garciafaura.com\\\/wp-content\\\/uploads\\\/2018\\\/09\\\/CAP-Sant-Pere-de-Ribes-06.jpg&quot;,&quot;title&quot;:&quot;Cerramientos para el nuevo ambulario de Sant Pere de Ribes&quot;},{&quot;src&quot;:&quot;https:\\\/\\\/www.garciafaura.com\\\/wp-content\\\/uploads\\\/2018\\\/09\\\/CAP-Sant-Pere-de-Ribes-05.jpg&quot;,&quot;title&quot;:&quot;Cerramientos para el nuevo ambulario de Sant Pere de Ribes&quot;},{&quot;src&quot;:&quot;https:\\\/\\\/www.garciafaura.com\\\/wp-content\\\/uploads\\\/2018\\\/09\\\/CAP-Sant-Pere-de-Ribes-04.jpg&quot;,&quot;title&quot;:&quot;Cerramientos para el nuevo ambulario de Sant Pere de Ribes&quot;},{&quot;src&quot;:&quot;https:\\\/\\\/www.garciafaura.com\\\/wp-content\\\/uploads\\\/2018\\\/09\\\/CAP-Sant-Pere-de-Ribes-03.jpg&quot;,&quot;title&quot;:&quot;Cerramientos para el nuevo ambulario de Sant Pere de Ribes&quot;},{&quot;src&quot;:&quot;https:\\\/\\\/www.garciafaura.com\\\/wp-content\\\/uploads\\\/2018\\\/09\\\/CAP-Sant-Pere-de-Ribes-02.jpg&quot;,&quot;title&quot;:&quot;Cerramientos para el nuevo ambulario de Sant Pere de Ribes&quot;}]\"><img loading=\"lazy\" decoding=\"async\" data-no-lazy=\"1\" class=\"portfolio-entry-img skip-lazy\" src=\"https:\/\/www.garciafaura.com\/wp-content\/uploads\/2018\/09\/CAP-Sant-Pere-de-Ribes-01-600x314.jpg\" alt=\"Cerramientos Para El Nuevo Ambulario De Sant Pere De Ribes\" data-no-retina width=\"600\" height=\"314\" \/><\/a><\/div><div class=\"portfolio-entry-details entry-details wpex-clr\"><h2 class=\"portfolio-entry-title entry-title\"><a href=\"https:\/\/www.garciafaura.com\/es\/portfolio-item\/cap-sant-pere-de-ribes\/\" title=\"CAP Sant Pere de Ribes\">CAP Sant Pere de Ribes<\/a><\/h2><div class=\"portfolio-entry-categories entry-categories wpex-clr\"><a href=\"https:\/\/www.garciafaura.com\/es\/portfolio-category\/edificios-de-servicios\/\" class=\"term-49\">Edificios de Servicios<\/a><\/div><\/div><\/div><\/div><div class=\"portfolio-entry vcex-grid-item entry-has-details span_1_of_3 col col-1 vcex-isotope-entry vcex-no-margin-entry post-17674 entry type-portfolio has-media cat-49 cat-50 translation_priority-6\"><div class=\"portfolio-entry-inner entry-inner wpex-clr\"><div class=\"portfolio-entry-media entry-media wpex-clr\"><a href=\"https:\/\/www.garciafaura.com\/wp-content\/uploads\/2018\/09\/Tanatori-Sancho-de-Avila-01.jpg\" title=\"Tanatorio Sancho de \u00c1vila\" class=\"portfolio-entry-media-link wpex-lightbox-gallery\" data-gallery=\"[{&quot;src&quot;:&quot;https:\\\/\\\/www.garciafaura.com\\\/wp-content\\\/uploads\\\/2018\\\/09\\\/Tanatori-Sancho-de-Avila-01.jpg&quot;,&quot;title&quot;:&quot;Cerramientos de aluminio y muro cortina de este nuevo equipamiento&quot;},{&quot;src&quot;:&quot;https:\\\/\\\/www.garciafaura.com\\\/wp-content\\\/uploads\\\/2018\\\/09\\\/Tanatori-Sancho-de-Avila-17.jpg&quot;,&quot;title&quot;:&quot;Cerramientos de aluminio y muro cortina de este nuevo equipamiento&quot;},{&quot;src&quot;:&quot;https:\\\/\\\/www.garciafaura.com\\\/wp-content\\\/uploads\\\/2018\\\/09\\\/Tanatori-Sancho-de-Avila-16.jpg&quot;,&quot;title&quot;:&quot;Cerramientos de aluminio y muro cortina de este nuevo equipamiento&quot;},{&quot;src&quot;:&quot;https:\\\/\\\/www.garciafaura.com\\\/wp-content\\\/uploads\\\/2018\\\/09\\\/Tanatori-Sancho-de-Avila-15.jpg&quot;,&quot;title&quot;:&quot;Cerramientos de aluminio y muro cortina de este nuevo equipamiento&quot;},{&quot;src&quot;:&quot;https:\\\/\\\/www.garciafaura.com\\\/wp-content\\\/uploads\\\/2018\\\/09\\\/Tanatori-Sancho-de-Avila-14.jpg&quot;,&quot;title&quot;:&quot;Cerramientos de aluminio y muro cortina de este nuevo equipamiento&quot;},{&quot;src&quot;:&quot;https:\\\/\\\/www.garciafaura.com\\\/wp-content\\\/uploads\\\/2018\\\/09\\\/Tanatori-Sancho-de-Avila-13.jpg&quot;,&quot;title&quot;:&quot;Cerramientos de aluminio y muro cortina de este nuevo equipamiento&quot;},{&quot;src&quot;:&quot;https:\\\/\\\/www.garciafaura.com\\\/wp-content\\\/uploads\\\/2018\\\/09\\\/Tanatori-Sancho-de-Avila-12.jpg&quot;,&quot;title&quot;:&quot;Cerramientos de aluminio y muro cortina de este nuevo equipamiento&quot;},{&quot;src&quot;:&quot;https:\\\/\\\/www.garciafaura.com\\\/wp-content\\\/uploads\\\/2018\\\/09\\\/Tanatori-Sancho-de-Avila-11.jpg&quot;,&quot;title&quot;:&quot;Cerramientos de aluminio y muro cortina de este nuevo equipamiento&quot;},{&quot;src&quot;:&quot;https:\\\/\\\/www.garciafaura.com\\\/wp-content\\\/uploads\\\/2018\\\/09\\\/Tanatori-Sancho-de-Avila-10.jpg&quot;,&quot;title&quot;:&quot;Cerramientos de aluminio y muro cortina de este nuevo equipamiento&quot;},{&quot;src&quot;:&quot;https:\\\/\\\/www.garciafaura.com\\\/wp-content\\\/uploads\\\/2018\\\/09\\\/Tanatori-Sancho-de-Avila-09.jpg&quot;,&quot;title&quot;:&quot;Cerramientos de aluminio y muro cortina de este nuevo equipamiento&quot;},{&quot;src&quot;:&quot;https:\\\/\\\/www.garciafaura.com\\\/wp-content\\\/uploads\\\/2018\\\/09\\\/Tanatori-Sancho-de-Avila-08.jpg&quot;,&quot;title&quot;:&quot;Cerramientos de aluminio y muro cortina de este nuevo equipamiento&quot;},{&quot;src&quot;:&quot;https:\\\/\\\/www.garciafaura.com\\\/wp-content\\\/uploads\\\/2018\\\/09\\\/Tanatori-Sancho-de-Avila-07.jpg&quot;,&quot;title&quot;:&quot;Cerramientos de aluminio y muro cortina de este nuevo equipamiento&quot;},{&quot;src&quot;:&quot;https:\\\/\\\/www.garciafaura.com\\\/wp-content\\\/uploads\\\/2018\\\/09\\\/Tanatori-Sancho-de-Avila-06.jpg&quot;,&quot;title&quot;:&quot;Cerramientos de aluminio y muro cortina de este nuevo equipamiento&quot;},{&quot;src&quot;:&quot;https:\\\/\\\/www.garciafaura.com\\\/wp-content\\\/uploads\\\/2018\\\/09\\\/Tanatori-Sancho-de-Avila-05.jpg&quot;,&quot;title&quot;:&quot;Cerramientos de aluminio y muro cortina de este nuevo equipamiento&quot;},{&quot;src&quot;:&quot;https:\\\/\\\/www.garciafaura.com\\\/wp-content\\\/uploads\\\/2018\\\/09\\\/Tanatori-Sancho-de-Avila-04.jpg&quot;,&quot;title&quot;:&quot;Cerramientos de aluminio y muro cortina de este nuevo equipamiento&quot;},{&quot;src&quot;:&quot;https:\\\/\\\/www.garciafaura.com\\\/wp-content\\\/uploads\\\/2018\\\/09\\\/Tanatori-Sancho-de-Avila-03.jpg&quot;,&quot;title&quot;:&quot;Cerramientos de aluminio y muro cortina de este nuevo equipamiento&quot;},{&quot;src&quot;:&quot;https:\\\/\\\/www.garciafaura.com\\\/wp-content\\\/uploads\\\/2018\\\/09\\\/Tanatori-Sancho-de-Avila-02.jpg&quot;,&quot;title&quot;:&quot;Cerramientos de aluminio y muro cortina de este nuevo equipamiento&quot;}]\"><img loading=\"lazy\" decoding=\"async\" data-no-lazy=\"1\" class=\"portfolio-entry-img skip-lazy\" src=\"https:\/\/www.garciafaura.com\/wp-content\/uploads\/2018\/09\/Tanatori-Sancho-de-Avila-01-600x314.jpg\" alt=\"Cerramientos De Aluminio Y Muro Cortina De Este Nuevo Equipamiento\" data-no-retina width=\"600\" height=\"314\" \/><\/a><\/div><div class=\"portfolio-entry-details entry-details wpex-clr\"><h2 class=\"portfolio-entry-title entry-title\"><a href=\"https:\/\/www.garciafaura.com\/es\/portfolio-item\/tanatorio-sancho-de-avila\/\" title=\"Tanatorio Sancho de \u00c1vila\">Tanatorio Sancho de \u00c1vila<\/a><\/h2><div class=\"portfolio-entry-categories entry-categories wpex-clr\"><a href=\"https:\/\/www.garciafaura.com\/es\/portfolio-category\/edificios-de-servicios\/\" class=\"term-49\">Edificios de Servicios<\/a><\/div><\/div><\/div><\/div><div class=\"portfolio-entry vcex-grid-item entry-has-details span_1_of_3 col col-2 vcex-isotope-entry vcex-no-margin-entry post-17666 entry type-portfolio has-media cat-49 cat-50 cat-51 cat-52 cat-55 cat-56 translation_priority-6\"><div class=\"portfolio-entry-inner entry-inner wpex-clr\"><div class=\"portfolio-entry-media entry-media wpex-clr\"><a href=\"https:\/\/www.garciafaura.com\/wp-content\/uploads\/2018\/09\/Oceanario-Lisboa-04.jpg\" title=\"Ampliaci\u00f3n Oceanario de Lisboa\" class=\"portfolio-entry-media-link wpex-lightbox-gallery\" data-gallery=\"[{&quot;src&quot;:&quot;https:\\\/\\\/www.garciafaura.com\\\/wp-content\\\/uploads\\\/2018\\\/09\\\/Oceanario-Lisboa-04.jpg&quot;,&quot;title&quot;:&quot;Muro cortina en la capital de Portugal.&quot;},{&quot;src&quot;:&quot;https:\\\/\\\/www.garciafaura.com\\\/wp-content\\\/uploads\\\/2018\\\/09\\\/Oceanario-Lisboa-01.jpg&quot;},{&quot;src&quot;:&quot;https:\\\/\\\/www.garciafaura.com\\\/wp-content\\\/uploads\\\/2018\\\/09\\\/Oceanario-Lisboa-15.jpg&quot;,&quot;title&quot;:&quot;Rehabilitaci\\u00f3n de fachada y mejora de su eficiencia.&quot;},{&quot;src&quot;:&quot;https:\\\/\\\/www.garciafaura.com\\\/wp-content\\\/uploads\\\/2018\\\/09\\\/Oceanario-Lisboa-14.jpg&quot;},{&quot;src&quot;:&quot;https:\\\/\\\/www.garciafaura.com\\\/wp-content\\\/uploads\\\/2018\\\/09\\\/Oceanario-Lisboa-13.jpg&quot;},{&quot;src&quot;:&quot;https:\\\/\\\/www.garciafaura.com\\\/wp-content\\\/uploads\\\/2018\\\/09\\\/Oceanario-Lisboa-12.jpg&quot;},{&quot;src&quot;:&quot;https:\\\/\\\/www.garciafaura.com\\\/wp-content\\\/uploads\\\/2018\\\/09\\\/Oceanario-Lisboa-11.jpg&quot;},{&quot;src&quot;:&quot;https:\\\/\\\/www.garciafaura.com\\\/wp-content\\\/uploads\\\/2018\\\/09\\\/Oceanario-Lisboa-10.jpg&quot;},{&quot;src&quot;:&quot;https:\\\/\\\/www.garciafaura.com\\\/wp-content\\\/uploads\\\/2018\\\/09\\\/Oceanario-Lisboa-09.jpg&quot;},{&quot;src&quot;:&quot;https:\\\/\\\/www.garciafaura.com\\\/wp-content\\\/uploads\\\/2018\\\/09\\\/Oceanario-Lisboa-08.jpg&quot;},{&quot;src&quot;:&quot;https:\\\/\\\/www.garciafaura.com\\\/wp-content\\\/uploads\\\/2018\\\/09\\\/Oceanario-Lisboa-07.jpg&quot;},{&quot;src&quot;:&quot;https:\\\/\\\/www.garciafaura.com\\\/wp-content\\\/uploads\\\/2018\\\/09\\\/Oceanario-Lisboa-06.jpg&quot;},{&quot;src&quot;:&quot;https:\\\/\\\/www.garciafaura.com\\\/wp-content\\\/uploads\\\/2018\\\/09\\\/Oceanario-Lisboa-05.jpg&quot;},{&quot;src&quot;:&quot;https:\\\/\\\/www.garciafaura.com\\\/wp-content\\\/uploads\\\/2018\\\/09\\\/Oceanario-Lisboa-03.jpg&quot;},{&quot;src&quot;:&quot;https:\\\/\\\/www.garciafaura.com\\\/wp-content\\\/uploads\\\/2018\\\/09\\\/Oceanario-Lisboa-02.jpg&quot;}]\"><img loading=\"lazy\" decoding=\"async\" data-no-lazy=\"1\" class=\"portfolio-entry-img skip-lazy\" src=\"https:\/\/www.garciafaura.com\/wp-content\/uploads\/2018\/09\/Oceanario-Lisboa-04-600x314.jpg\" alt=\"Muro Cortina En La Capital De Portugal.\" data-no-retina width=\"600\" height=\"314\" \/><\/a><\/div><div class=\"portfolio-entry-details entry-details wpex-clr\"><h2 class=\"portfolio-entry-title entry-title\"><a href=\"https:\/\/www.garciafaura.com\/es\/portfolio-item\/ampliacion-oceanario-de-lisboa\/\" title=\"Ampliaci\u00f3n Oceanario de Lisboa\">Ampliaci\u00f3n Oceanario de Lisboa<\/a><\/h2><div class=\"portfolio-entry-categories entry-categories wpex-clr\"><a href=\"https:\/\/www.garciafaura.com\/es\/portfolio-category\/edificios-de-servicios\/\" class=\"term-49\">Edificios de Servicios<\/a><\/div><\/div><\/div><\/div><div class=\"portfolio-entry vcex-grid-item entry-has-details span_1_of_3 col col-3 vcex-isotope-entry vcex-no-margin-entry post-17647 entry type-portfolio has-media cat-49 cat-51 cat-118 cat-119 translation_priority-6\"><div class=\"portfolio-entry-inner entry-inner wpex-clr\"><div class=\"portfolio-entry-media entry-media wpex-clr\"><a href=\"https:\/\/www.garciafaura.com\/wp-content\/uploads\/2018\/09\/Ajuntament-de-Gava\u0300-02.jpg\" title=\"Ayuntamiento de Gav\u00e0\" class=\"portfolio-entry-media-link wpex-lightbox-gallery\" data-gallery=\"[{&quot;src&quot;:&quot;https:\\\/\\\/www.garciafaura.com\\\/wp-content\\\/uploads\\\/2018\\\/09\\\/Ajuntament-de-Gava\\u0300-02.jpg&quot;,&quot;title&quot;:&quot;Cerramientos de aluminio y fachada de vidrio del edificio dise\\u00f1ado por Albert Viaplana&quot;},{&quot;src&quot;:&quot;https:\\\/\\\/www.garciafaura.com\\\/wp-content\\\/uploads\\\/2018\\\/09\\\/Ajuntament-de-Gava\\u0300-05.jpg&quot;,&quot;title&quot;:&quot;Tancaments d&#039;alumini\\u00a0i fa\\u00e7ana de vidre de l&#039;edifici dissenyat per Albert Viaplana&quot;},{&quot;src&quot;:&quot;https:\\\/\\\/www.garciafaura.com\\\/wp-content\\\/uploads\\\/2018\\\/09\\\/Ajuntament-de-Gava\\u0300-04.jpg&quot;,&quot;title&quot;:&quot;Cerramientos de aluminio y fachada de vidrio del edificio dise\\u00f1ado por Albert Viaplana&quot;},{&quot;src&quot;:&quot;https:\\\/\\\/www.garciafaura.com\\\/wp-content\\\/uploads\\\/2018\\\/09\\\/Ajuntament-de-Gava\\u0300-03.jpg&quot;,&quot;title&quot;:&quot;Cerramientos de aluminio y fachada de vidrio del edificio dise\\u00f1ado por Albert Viaplana&quot;},{&quot;src&quot;:&quot;https:\\\/\\\/www.garciafaura.com\\\/wp-content\\\/uploads\\\/2018\\\/09\\\/Ajuntament-de-Gava\\u0300-01.jpg&quot;,&quot;title&quot;:&quot;Cerramientos de aluminio y fachada de vidrio del edificio dise\\u00f1ado por Albert Viaplana&quot;}]\"><img decoding=\"async\" data-no-lazy=\"1\" class=\"portfolio-entry-img skip-lazy\" src=\"https:\/\/www.garciafaura.com\/wp-content\/uploads\/2018\/09\/Ajuntament-de-Gava\u0300-02-x.jpg\" alt=\"Cerramientos De Aluminio Y Fachada De Vidrio Del Edificio Dise\u00f1ado Por Albert Viaplana\" data-no-retina \/><\/a><\/div><div class=\"portfolio-entry-details entry-details wpex-clr\"><h2 class=\"portfolio-entry-title entry-title\"><a href=\"https:\/\/www.garciafaura.com\/es\/portfolio-item\/ayuntamiento-de-gava\/\" title=\"Ayuntamiento de Gav\u00e0\">Ayuntamiento de Gav\u00e0<\/a><\/h2><div class=\"portfolio-entry-categories entry-categories wpex-clr\"><a href=\"https:\/\/www.garciafaura.com\/es\/portfolio-category\/edificios-de-servicios\/\" class=\"term-49\">Edificios de Servicios<\/a><\/div><\/div><\/div><\/div><div class=\"portfolio-entry vcex-grid-item entry-has-details span_1_of_3 col col-1 vcex-isotope-entry vcex-no-margin-entry post-17492 entry type-portfolio has-media cat-49 translation_priority-6\"><div class=\"portfolio-entry-inner entry-inner wpex-clr\"><div class=\"portfolio-entry-media entry-media wpex-clr\"><a href=\"https:\/\/www.garciafaura.com\/wp-content\/uploads\/2019\/02\/277-01.jpg\" title=\"Instituto Viladomat\" class=\"portfolio-entry-media-link wpex-lightbox-gallery\" data-gallery=\"[{&quot;src&quot;:&quot;https:\\\/\\\/www.garciafaura.com\\\/wp-content\\\/uploads\\\/2019\\\/02\\\/277-01.jpg&quot;,&quot;title&quot;:&quot;Cerramientos para el nuevo centro de educaci\\u00f3n secundaria de Barcelona.&quot;,&quot;caption&quot;:&quot;Tancaments per al nou centre d&#039;educaci\\u00f3 secund\\u00e0ria de Barcelona.&quot;},{&quot;src&quot;:&quot;https:\\\/\\\/www.garciafaura.com\\\/wp-content\\\/uploads\\\/2019\\\/02\\\/277-12.jpg&quot;,&quot;title&quot;:&quot;Cerramientos para el nuevo centro de educaci\\u00f3n secundaria de Barcelona.&quot;,&quot;caption&quot;:&quot;Tancaments per al nou centre d&#039;educaci\\u00f3 secund\\u00e0ria de Barcelona.&quot;},{&quot;src&quot;:&quot;https:\\\/\\\/www.garciafaura.com\\\/wp-content\\\/uploads\\\/2019\\\/02\\\/277-11.jpg&quot;,&quot;title&quot;:&quot;Cerramientos para el nuevo centro de educaci\\u00f3n secundaria de Barcelona.&quot;,&quot;caption&quot;:&quot;Tancaments per al nou centre d&#039;educaci\\u00f3 secund\\u00e0ria de Barcelona.&quot;},{&quot;src&quot;:&quot;https:\\\/\\\/www.garciafaura.com\\\/wp-content\\\/uploads\\\/2019\\\/02\\\/277-10.jpg&quot;,&quot;title&quot;:&quot;Cerramientos para el nuevo centro de educaci\\u00f3n secundaria de Barcelona.&quot;,&quot;caption&quot;:&quot;Tancaments per al nou centre d&#039;educaci\\u00f3 secund\\u00e0ria de Barcelona.&quot;},{&quot;src&quot;:&quot;https:\\\/\\\/www.garciafaura.com\\\/wp-content\\\/uploads\\\/2019\\\/02\\\/277-09.jpg&quot;,&quot;title&quot;:&quot;Cerramientos para el nuevo centro de educaci\\u00f3n secundaria de Barcelona.&quot;,&quot;caption&quot;:&quot;Tancaments per al nou centre d&#039;educaci\\u00f3 secund\\u00e0ria de Barcelona.&quot;},{&quot;src&quot;:&quot;https:\\\/\\\/www.garciafaura.com\\\/wp-content\\\/uploads\\\/2019\\\/02\\\/277-08.jpg&quot;,&quot;title&quot;:&quot;Cerramientos para el nuevo centro de educaci\\u00f3n secundaria de Barcelona.&quot;,&quot;caption&quot;:&quot;Tancaments per al nou centre d&#039;educaci\\u00f3 secund\\u00e0ria de Barcelona.&quot;},{&quot;src&quot;:&quot;https:\\\/\\\/www.garciafaura.com\\\/wp-content\\\/uploads\\\/2019\\\/02\\\/277-07.jpg&quot;,&quot;title&quot;:&quot;Cerramientos para el nuevo centro de educaci\\u00f3n secundaria de Barcelona.&quot;,&quot;caption&quot;:&quot;Tancaments per al nou centre d&#039;educaci\\u00f3 secund\\u00e0ria de Barcelona.&quot;},{&quot;src&quot;:&quot;https:\\\/\\\/www.garciafaura.com\\\/wp-content\\\/uploads\\\/2019\\\/02\\\/277-06.jpg&quot;,&quot;title&quot;:&quot;Cerramientos para el nuevo centro de educaci\\u00f3n secundaria de Barcelona.&quot;,&quot;caption&quot;:&quot;Tancaments per al nou centre d&#039;educaci\\u00f3 secund\\u00e0ria de Barcelona.&quot;},{&quot;src&quot;:&quot;https:\\\/\\\/www.garciafaura.com\\\/wp-content\\\/uploads\\\/2019\\\/02\\\/277-05.jpg&quot;,&quot;title&quot;:&quot;Cerramientos para el nuevo centro de educaci\\u00f3n secundaria de Barcelona.&quot;,&quot;caption&quot;:&quot;Tancaments per al nou centre d&#039;educaci\\u00f3 secund\\u00e0ria de Barcelona.&quot;},{&quot;src&quot;:&quot;https:\\\/\\\/www.garciafaura.com\\\/wp-content\\\/uploads\\\/2019\\\/02\\\/277-04.jpg&quot;,&quot;title&quot;:&quot;Cerramientos para el nuevo centro de educaci\\u00f3n secundaria de Barcelona.&quot;,&quot;caption&quot;:&quot;Tancaments per al nou centre d&#039;educaci\\u00f3 secund\\u00e0ria de Barcelona.&quot;},{&quot;src&quot;:&quot;https:\\\/\\\/www.garciafaura.com\\\/wp-content\\\/uploads\\\/2019\\\/02\\\/277-03.jpg&quot;,&quot;title&quot;:&quot;Cerramientos para el nuevo centro de educaci\\u00f3n secundaria de Barcelona.&quot;,&quot;caption&quot;:&quot;Tancaments per al nou centre d&#039;educaci\\u00f3 secund\\u00e0ria de Barcelona.&quot;},{&quot;src&quot;:&quot;https:\\\/\\\/www.garciafaura.com\\\/wp-content\\\/uploads\\\/2019\\\/02\\\/277-02.jpg&quot;,&quot;title&quot;:&quot;Cerramientos para el nuevo centro de educaci\\u00f3n secundaria de Barcelona.&quot;,&quot;caption&quot;:&quot;Tancaments per al nou centre d&#039;educaci\\u00f3 secund\\u00e0ria de Barcelona.&quot;}]\"><img loading=\"lazy\" decoding=\"async\" data-no-lazy=\"1\" class=\"portfolio-entry-img skip-lazy\" src=\"https:\/\/www.garciafaura.com\/wp-content\/uploads\/2019\/02\/277-01-600x314.jpg\" alt=\"Cerramientos Para El Nuevo Centro De Educaci\u00f3n Secundaria De Barcelona.\" data-no-retina width=\"600\" height=\"314\" \/><\/a><\/div><div class=\"portfolio-entry-details entry-details wpex-clr\"><h2 class=\"portfolio-entry-title entry-title\"><a href=\"https:\/\/www.garciafaura.com\/es\/portfolio-item\/instituto-viladomat\/\" title=\"Instituto Viladomat\">Instituto Viladomat<\/a><\/h2><div class=\"portfolio-entry-categories entry-categories wpex-clr\"><a href=\"https:\/\/www.garciafaura.com\/es\/portfolio-category\/edificios-de-servicios\/\" class=\"term-49\">Edificios de Servicios<\/a><\/div><\/div><\/div><\/div><\/div><\/div>[\/vc_column][\/vc_row]\n<\/div>","protected":false},"excerpt":{"rendered":"<p>[vc_row full_width=\u00bbstretch_row\u00bb wpex_bg_overlay=\u00bbcolor\u00bb wpex_bg_overlay_color=\u00bb#d9d9d9&#8243; wpex_bg_overlay_opacity=\u00bb0.85&#8243;][vc_column][vc_column_text]Obra p\u00fablica y equipamientos al servicio del uso de la ciudadan\u00eda. Centros sanitarios, equipamientos deportivos o educativos, centros culturales,&#8230; GARCIA FAURA pone todo su conocimiento y capacidad t\u00e9cnica al servicio del uso p\u00fablico. Al servicio de&hellip;<\/p>\n","protected":false},"author":3,"featured_media":0,"parent":0,"menu_order":0,"comment_status":"closed","ping_status":"closed","template":"","meta":{"footnotes":""},"class_list":["post-17225","page","type-page","status-publish","hentry","entry","no-media"],"yoast_head":"<!-- This site is optimized with the Yoast SEO plugin v26.7 - https:\/\/yoast.com\/wordpress\/plugins\/seo\/ -->\n<title>Edificios de Servicios ejecutados por GARCIA FAURA - GARCIA FAURA<\/title>\n<meta name=\"description\" content=\"Arquitectura en Alumini, Inox, Ferro i Vidre\" \/>\n<meta name=\"robots\" content=\"index, follow, max-snippet:-1, max-image-preview:large, max-video-preview:-1\" \/>\n<link rel=\"canonical\" href=\"https:\/\/www.garciafaura.com\/es\/edificios-de-servicios-ejecutados-por-garcia-faura\/\" \/>\n<meta property=\"og:locale\" content=\"es_ES\" \/>\n<meta property=\"og:type\" content=\"article\" \/>\n<meta property=\"og:title\" content=\"Edificios de Servicios ejecutados por GARCIA FAURA - GARCIA FAURA\" \/>\n<meta property=\"og:description\" content=\"Arquitectura en Alumini, Inox, Ferro i Vidre\" \/>\n<meta property=\"og:url\" content=\"https:\/\/www.garciafaura.com\/es\/edificios-de-servicios-ejecutados-por-garcia-faura\/\" \/>\n<meta property=\"og:site_name\" content=\"GARCIA FAURA\" \/>\n<meta property=\"article:modified_time\" content=\"2021-08-02T10:13:19+00:00\" \/>\n<meta name=\"twitter:card\" content=\"summary_large_image\" \/>\n<meta name=\"twitter:label1\" content=\"Tiempo de lectura\" \/>\n\t<meta name=\"twitter:data1\" content=\"1 minuto\" \/>\n<script type=\"application\/ld+json\" class=\"yoast-schema-graph\">{\"@context\":\"https:\/\/schema.org\",\"@graph\":[{\"@type\":\"WebPage\",\"@id\":\"https:\/\/www.garciafaura.com\/es\/edificios-de-servicios-ejecutados-por-garcia-faura\/\",\"url\":\"https:\/\/www.garciafaura.com\/es\/edificios-de-servicios-ejecutados-por-garcia-faura\/\",\"name\":\"Edificios de Servicios ejecutados por GARCIA FAURA - GARCIA FAURA\",\"isPartOf\":{\"@id\":\"https:\/\/www.garciafaura.com\/fr\/#website\"},\"datePublished\":\"2019-02-21T18:20:28+00:00\",\"dateModified\":\"2021-08-02T10:13:19+00:00\",\"description\":\"Arquitectura en Alumini, Inox, Ferro i Vidre\",\"breadcrumb\":{\"@id\":\"https:\/\/www.garciafaura.com\/es\/edificios-de-servicios-ejecutados-por-garcia-faura\/#breadcrumb\"},\"inLanguage\":\"es\",\"potentialAction\":[{\"@type\":\"ReadAction\",\"target\":[\"https:\/\/www.garciafaura.com\/es\/edificios-de-servicios-ejecutados-por-garcia-faura\/\"]}]},{\"@type\":\"BreadcrumbList\",\"@id\":\"https:\/\/www.garciafaura.com\/es\/edificios-de-servicios-ejecutados-por-garcia-faura\/#breadcrumb\",\"itemListElement\":[{\"@type\":\"ListItem\",\"position\":1,\"name\":\"Inici\",\"item\":\"https:\/\/www.garciafaura.com\/es\/\"},{\"@type\":\"ListItem\",\"position\":2,\"name\":\"Edificios de Servicios ejecutados por GARCIA FAURA\"}]},{\"@type\":\"WebSite\",\"@id\":\"https:\/\/www.garciafaura.com\/fr\/#website\",\"url\":\"https:\/\/www.garciafaura.com\/fr\/\",\"name\":\"GARCIA FAURA\",\"description\":\"Arquitectura en Alumini, Inox, Ferro i Vidre\",\"publisher\":{\"@id\":\"https:\/\/www.garciafaura.com\/fr\/#organization\"},\"potentialAction\":[{\"@type\":\"SearchAction\",\"target\":{\"@type\":\"EntryPoint\",\"urlTemplate\":\"https:\/\/www.garciafaura.com\/fr\/?s={search_term_string}\"},\"query-input\":{\"@type\":\"PropertyValueSpecification\",\"valueRequired\":true,\"valueName\":\"search_term_string\"}}],\"inLanguage\":\"es\"},{\"@type\":\"Organization\",\"@id\":\"https:\/\/www.garciafaura.com\/fr\/#organization\",\"name\":\"GARCIA FAURA\",\"url\":\"https:\/\/www.garciafaura.com\/fr\/\",\"logo\":{\"@type\":\"ImageObject\",\"inLanguage\":\"es\",\"@id\":\"https:\/\/www.garciafaura.com\/fr\/#\/schema\/logo\/image\/\",\"url\":\"https:\/\/www.garciafaura.com\/wp-content\/uploads\/2018\/09\/Garcia-Faura.png\",\"contentUrl\":\"https:\/\/www.garciafaura.com\/wp-content\/uploads\/2018\/09\/Garcia-Faura.png\",\"width\":512,\"height\":512,\"caption\":\"GARCIA FAURA\"},\"image\":{\"@id\":\"https:\/\/www.garciafaura.com\/fr\/#\/schema\/logo\/image\/\"},\"sameAs\":[\"https:\/\/www.youtube.com\/user\/GARCIAFAURA\"]}]}<\/script>\n<!-- \/ Yoast SEO plugin. -->","yoast_head_json":{"title":"Edificios de Servicios ejecutados por GARCIA FAURA - GARCIA FAURA","description":"Arquitectura en Alumini, Inox, Ferro i Vidre","robots":{"index":"index","follow":"follow","max-snippet":"max-snippet:-1","max-image-preview":"max-image-preview:large","max-video-preview":"max-video-preview:-1"},"canonical":"https:\/\/www.garciafaura.com\/es\/edificios-de-servicios-ejecutados-por-garcia-faura\/","og_locale":"es_ES","og_type":"article","og_title":"Edificios de Servicios ejecutados por GARCIA FAURA - GARCIA FAURA","og_description":"Arquitectura en Alumini, Inox, Ferro i Vidre","og_url":"https:\/\/www.garciafaura.com\/es\/edificios-de-servicios-ejecutados-por-garcia-faura\/","og_site_name":"GARCIA FAURA","article_modified_time":"2021-08-02T10:13:19+00:00","twitter_card":"summary_large_image","twitter_misc":{"Tiempo de lectura":"1 minuto"},"schema":{"@context":"https:\/\/schema.org","@graph":[{"@type":"WebPage","@id":"https:\/\/www.garciafaura.com\/es\/edificios-de-servicios-ejecutados-por-garcia-faura\/","url":"https:\/\/www.garciafaura.com\/es\/edificios-de-servicios-ejecutados-por-garcia-faura\/","name":"Edificios de Servicios ejecutados por GARCIA FAURA - GARCIA FAURA","isPartOf":{"@id":"https:\/\/www.garciafaura.com\/fr\/#website"},"datePublished":"2019-02-21T18:20:28+00:00","dateModified":"2021-08-02T10:13:19+00:00","description":"Arquitectura en Alumini, Inox, Ferro i Vidre","breadcrumb":{"@id":"https:\/\/www.garciafaura.com\/es\/edificios-de-servicios-ejecutados-por-garcia-faura\/#breadcrumb"},"inLanguage":"es","potentialAction":[{"@type":"ReadAction","target":["https:\/\/www.garciafaura.com\/es\/edificios-de-servicios-ejecutados-por-garcia-faura\/"]}]},{"@type":"BreadcrumbList","@id":"https:\/\/www.garciafaura.com\/es\/edificios-de-servicios-ejecutados-por-garcia-faura\/#breadcrumb","itemListElement":[{"@type":"ListItem","position":1,"name":"Inici","item":"https:\/\/www.garciafaura.com\/es\/"},{"@type":"ListItem","position":2,"name":"Edificios de Servicios ejecutados por GARCIA FAURA"}]},{"@type":"WebSite","@id":"https:\/\/www.garciafaura.com\/fr\/#website","url":"https:\/\/www.garciafaura.com\/fr\/","name":"GARCIA FAURA","description":"Arquitectura en Alumini, Inox, Ferro i Vidre","publisher":{"@id":"https:\/\/www.garciafaura.com\/fr\/#organization"},"potentialAction":[{"@type":"SearchAction","target":{"@type":"EntryPoint","urlTemplate":"https:\/\/www.garciafaura.com\/fr\/?s={search_term_string}"},"query-input":{"@type":"PropertyValueSpecification","valueRequired":true,"valueName":"search_term_string"}}],"inLanguage":"es"},{"@type":"Organization","@id":"https:\/\/www.garciafaura.com\/fr\/#organization","name":"GARCIA FAURA","url":"https:\/\/www.garciafaura.com\/fr\/","logo":{"@type":"ImageObject","inLanguage":"es","@id":"https:\/\/www.garciafaura.com\/fr\/#\/schema\/logo\/image\/","url":"https:\/\/www.garciafaura.com\/wp-content\/uploads\/2018\/09\/Garcia-Faura.png","contentUrl":"https:\/\/www.garciafaura.com\/wp-content\/uploads\/2018\/09\/Garcia-Faura.png","width":512,"height":512,"caption":"GARCIA FAURA"},"image":{"@id":"https:\/\/www.garciafaura.com\/fr\/#\/schema\/logo\/image\/"},"sameAs":["https:\/\/www.youtube.com\/user\/GARCIAFAURA"]}]}},"_links":{"self":[{"href":"https:\/\/www.garciafaura.com\/es\/wp-json\/wp\/v2\/pages\/17225","targetHints":{"allow":["GET"]}}],"collection":[{"href":"https:\/\/www.garciafaura.com\/es\/wp-json\/wp\/v2\/pages"}],"about":[{"href":"https:\/\/www.garciafaura.com\/es\/wp-json\/wp\/v2\/types\/page"}],"author":[{"embeddable":true,"href":"https:\/\/www.garciafaura.com\/es\/wp-json\/wp\/v2\/users\/3"}],"replies":[{"embeddable":true,"href":"https:\/\/www.garciafaura.com\/es\/wp-json\/wp\/v2\/comments?post=17225"}],"version-history":[{"count":5,"href":"https:\/\/www.garciafaura.com\/es\/wp-json\/wp\/v2\/pages\/17225\/revisions"}],"predecessor-version":[{"id":27871,"href":"https:\/\/www.garciafaura.com\/es\/wp-json\/wp\/v2\/pages\/17225\/revisions\/27871"}],"wp:attachment":[{"href":"https:\/\/www.garciafaura.com\/es\/wp-json\/wp\/v2\/media?parent=17225"}],"curies":[{"name":"wp","href":"https:\/\/api.w.org\/{rel}","templated":true}]}}