{"id":17221,"date":"2019-02-21T18:17:02","date_gmt":"2019-02-21T18:17:02","guid":{"rendered":"https:\/\/www.garciafaura.com\/division-residencial\/"},"modified":"2026-03-03T17:37:19","modified_gmt":"2026-03-03T15:37:19","slug":"division-residencial","status":"publish","type":"page","link":"https:\/\/www.garciafaura.com\/es\/division-residencial\/","title":{"rendered":"Divisi\u00f3n Residencial"},"content":{"rendered":"<div class=\"wpb-content-wrapper\">[vc_row full_width=\u00bbstretch_row\u00bb wpex_bg_overlay=\u00bbcolor\u00bb wpex_bg_overlay_color=\u00bb#d9d9d9&#8243; wpex_bg_overlay_opacity=\u00bb0.85&#8243;][vc_column width=\u00bb1\/3&#8243;]<div class=\"vcex-spacing\" style=\"height:30px\"><\/div>[vc_column_text]<span style=\"font-family: 'Open Sans'; font-size: 18px;\">En <strong>GARCIA FAURA<\/strong> les ofrecemos una amplia gama de productos adaptados a las necesidades particulares. Con nosotros podr\u00e1 vestir su nuevo hogar, o renovar su vivienda. Cambiar las ventanas le ayudar\u00e1 a darle un nuevo aire y, adem\u00e1s, podr\u00e1 convertirla en un espacio m\u00e1s sostenible y ecoeficiente.<\/span>[\/vc_column_text][\/vc_column][vc_column width=\u00bb1\/3&#8243;]<div class=\"vcex-spacing\" style=\"height:30px\"><\/div>[vc_column_text]<span style=\"font-family: 'Open Sans'; font-size: 18px;\">Y es que con los posibilidades constructivas o de rehabilitaci\u00f3n que ofrece <strong>GARCIA FAURA<\/strong> sellar\u00e1 su casa y evitar\u00e1 que el calor de la calefacci\u00f3n, o el fr\u00edo del aire acondicionado, se escapen por las rendijas de la ventana o de la persiana. Ganar\u00e1 en confort y ahorrar\u00e1 en la factura de la luz.<\/span>[\/vc_column_text][\/vc_column][vc_column width=\u00bb1\/3&#8243;]<div class=\"vcex-spacing\" style=\"height:30px\"><\/div>[vc_column_text]<span style=\"font-family: 'Open Sans'; font-size: 18px;\">Y todo ello con dise\u00f1os exclusivos o gamas econ\u00f3micas, lo que m\u00e1s convenga. En <strong>GARCIA FAURA<\/strong> nos adaptamos a sus necesidades, gui\u00e1ndole sobre las opciones que mejor se adapten a lo que necesite.<\/span>[\/vc_column_text]<div class=\"vcex-spacing\" style=\"height:30px\"><\/div><div class=\"textcenter theme-button-expanded-wrap theme-button-wrap clr\"><a href=\"https:\/\/ventanasdecasa.com\/\" title=\"Contacta con la Divisi\u00f3n Residencial\" class=\"vcex-button theme-button large align-center expanded animate-on-hover expanded\" target=\"_blank\" style=\"background:#d7515e;\"><span class=\"theme-button-inner\">Contacto e Informaci\u00f3n<\/span><\/a><\/div> [\/vc_column][vc_column][\/vc_column][\/vc_row][vc_row full_width=\u00bbstretch_row\u00bb][vc_column]<div class=\"vcex-spacing\" style=\"height:30px\"><\/div><div class=\"vcex-module vcex-portfolio-grid-wrap wpex-clr\"><div class=\"wpex-row vcex-portfolio-grid wpex-clr entries vcex-isotope-grid vcex-no-margin-grid\" data-show_title=\"false\"><div class=\"portfolio-entry vcex-grid-item entry-has-details span_1_of_3 col col-1 vcex-isotope-entry vcex-no-margin-entry post-19972 entry type-portfolio has-media cat-60 cat-61 translation_priority-6\"><div class=\"portfolio-entry-inner entry-inner wpex-clr\"><div class=\"portfolio-entry-media entry-media wpex-clr\"><a href=\"https:\/\/www.garciafaura.com\/wp-content\/uploads\/2019\/05\/13227_01.jpg\" title=\"P\u00e8rgola en habitatge unifamiliar\" class=\"portfolio-entry-media-link wpex-lightbox-gallery\" data-gallery=\"[{&quot;src&quot;:&quot;https:\\\/\\\/www.garciafaura.com\\\/wp-content\\\/uploads\\\/2019\\\/05\\\/13227_01.jpg&quot;,&quot;title&quot;:&quot;Fabricaci\\u00f3n e instalaci\\u00f3n de un singular sistema de p\\u00e9rgola met\\u00e1lica para cerramiento de terraza&quot;},{&quot;src&quot;:&quot;https:\\\/\\\/www.garciafaura.com\\\/wp-content\\\/uploads\\\/2019\\\/05\\\/13227_11.jpg&quot;,&quot;title&quot;:&quot;Fabricaci\\u00f3n e instalaci\\u00f3n de un singular sistema de p\\u00e9rgola met\\u00e1lica para cerramiento de terraza&quot;},{&quot;src&quot;:&quot;https:\\\/\\\/www.garciafaura.com\\\/wp-content\\\/uploads\\\/2019\\\/05\\\/13227_09.jpg&quot;,&quot;title&quot;:&quot;Fabricaci\\u00f3n e instalaci\\u00f3n de un singular sistema de p\\u00e9rgola met\\u00e1lica para cerramiento de terraza&quot;},{&quot;src&quot;:&quot;https:\\\/\\\/www.garciafaura.com\\\/wp-content\\\/uploads\\\/2019\\\/05\\\/13227_08.jpg&quot;,&quot;title&quot;:&quot;Fabricaci\\u00f3n e instalaci\\u00f3n de un singular sistema de p\\u00e9rgola met\\u00e1lica para cerramiento de terraza&quot;},{&quot;src&quot;:&quot;https:\\\/\\\/www.garciafaura.com\\\/wp-content\\\/uploads\\\/2019\\\/05\\\/13227_07.jpg&quot;,&quot;title&quot;:&quot;Fabricaci\\u00f3n e instalaci\\u00f3n de un singular sistema de p\\u00e9rgola met\\u00e1lica para cerramiento de terraza&quot;},{&quot;src&quot;:&quot;https:\\\/\\\/www.garciafaura.com\\\/wp-content\\\/uploads\\\/2019\\\/05\\\/13227_06.jpg&quot;,&quot;title&quot;:&quot;Fabricaci\\u00f3n e instalaci\\u00f3n de un singular sistema de p\\u00e9rgola met\\u00e1lica para cerramiento de terraza&quot;},{&quot;src&quot;:&quot;https:\\\/\\\/www.garciafaura.com\\\/wp-content\\\/uploads\\\/2019\\\/05\\\/13227_05.jpg&quot;,&quot;title&quot;:&quot;Fabricaci\\u00f3n e instalaci\\u00f3n de un singular sistema de p\\u00e9rgola met\\u00e1lica para cerramiento de terraza&quot;},{&quot;src&quot;:&quot;https:\\\/\\\/www.garciafaura.com\\\/wp-content\\\/uploads\\\/2019\\\/05\\\/13227_04.jpg&quot;,&quot;title&quot;:&quot;Fabricaci\\u00f3n e instalaci\\u00f3n de un singular sistema de p\\u00e9rgola met\\u00e1lica para cerramiento de terraza&quot;},{&quot;src&quot;:&quot;https:\\\/\\\/www.garciafaura.com\\\/wp-content\\\/uploads\\\/2019\\\/05\\\/13227_03.jpg&quot;,&quot;title&quot;:&quot;Fabricaci\\u00f3n e instalaci\\u00f3n de un singular sistema de p\\u00e9rgola met\\u00e1lica para cerramiento de terraza&quot;},{&quot;src&quot;:&quot;https:\\\/\\\/www.garciafaura.com\\\/wp-content\\\/uploads\\\/2019\\\/05\\\/13227_02.jpg&quot;,&quot;title&quot;:&quot;Fabricaci\\u00f3n e instalaci\\u00f3n de un singular sistema de p\\u00e9rgola met\\u00e1lica para cerramiento de terraza&quot;}]\"><img loading=\"lazy\" decoding=\"async\" data-no-lazy=\"1\" class=\"portfolio-entry-img skip-lazy\" src=\"https:\/\/www.garciafaura.com\/wp-content\/uploads\/2019\/05\/13227_01-600x314.jpg\" alt=\"Fabricaci\u00f3n E Instalaci\u00f3n De Un Singular Sistema De P\u00e9rgola Met\u00e1lica Para Cerramiento De Terraza\" data-no-retina width=\"600\" height=\"314\" \/><\/a><\/div><div class=\"portfolio-entry-details entry-details wpex-clr\"><h2 class=\"portfolio-entry-title entry-title\"><a href=\"https:\/\/www.garciafaura.com\/es\/portfolio-item\/pergola-a-terrassa-sitges\/\" title=\"P\u00e8rgola en habitatge unifamiliar\">P\u00e8rgola en habitatge unifamiliar<\/a><\/h2><div class=\"portfolio-entry-categories entry-categories wpex-clr\"><a href=\"https:\/\/www.garciafaura.com\/es\/portfolio-category\/residencial-es\/\" class=\"term-60\">Residencial<\/a><\/div><\/div><\/div><\/div><div class=\"portfolio-entry vcex-grid-item entry-has-details span_1_of_3 col col-2 vcex-isotope-entry vcex-no-margin-entry post-18393 entry type-portfolio has-media cat-46 cat-60 translation_priority-6\"><div class=\"portfolio-entry-inner entry-inner wpex-clr\"><div class=\"portfolio-entry-media entry-media wpex-clr\"><a href=\"https:\/\/www.garciafaura.com\/wp-content\/uploads\/2018\/11\/Promocio\u0301-Sant-Fost-01-0.jpg\" title=\"Promoci\u00f3n Sant Fost\" class=\"portfolio-entry-media-link wpex-lightbox-gallery\" data-gallery=\"[{&quot;src&quot;:&quot;https:\\\/\\\/www.garciafaura.com\\\/wp-content\\\/uploads\\\/2018\\\/11\\\/Promocio\\u0301-Sant-Fost-01-1.jpg&quot;,&quot;title&quot;:&quot;Conjunto de cerramientos de aluminio y vidrio en barrio de nueva creaci\\u00f3n&quot;},{&quot;src&quot;:&quot;https:\\\/\\\/www.garciafaura.com\\\/wp-content\\\/uploads\\\/2018\\\/11\\\/Promocio\\u0301-Sant-Fost-01-0.jpg&quot;},{&quot;src&quot;:&quot;https:\\\/\\\/www.garciafaura.com\\\/wp-content\\\/uploads\\\/2018\\\/11\\\/Promocio\\u0301-Sant-Fost-05-1.jpg&quot;,&quot;title&quot;:&quot;Conjunto de cerramientos de aluminio y vidrio en barrio de nueva creaci\\u00f3n&quot;},{&quot;src&quot;:&quot;https:\\\/\\\/www.garciafaura.com\\\/wp-content\\\/uploads\\\/2018\\\/11\\\/Promocio\\u0301-Sant-Fost-04-1.jpg&quot;,&quot;title&quot;:&quot;Conjunto de cerramientos de aluminio y vidrio en barrio de nueva creaci\\u00f3n&quot;},{&quot;src&quot;:&quot;https:\\\/\\\/www.garciafaura.com\\\/wp-content\\\/uploads\\\/2018\\\/11\\\/Promocio\\u0301-Sant-Fost-03-1.jpg&quot;,&quot;title&quot;:&quot;Conjunto de cerramientos de aluminio y vidrio en barrio de nueva creaci\\u00f3n&quot;},{&quot;src&quot;:&quot;https:\\\/\\\/www.garciafaura.com\\\/wp-content\\\/uploads\\\/2018\\\/11\\\/Promocio\\u0301-Sant-Fost-02-1.jpg&quot;,&quot;title&quot;:&quot;Conjunto de cerramientos de aluminio y vidrio en barrio de nueva creaci\\u00f3n&quot;}]\"><img loading=\"lazy\" decoding=\"async\" data-no-lazy=\"1\" class=\"portfolio-entry-img skip-lazy\" src=\"https:\/\/www.garciafaura.com\/wp-content\/uploads\/2018\/11\/Promocio\u0301-Sant-Fost-01-0-600x314.jpg\" alt='' data-no-retina width=\"600\" height=\"314\" \/><\/a><\/div><div class=\"portfolio-entry-details entry-details wpex-clr\"><h2 class=\"portfolio-entry-title entry-title\"><a href=\"https:\/\/www.garciafaura.com\/es\/portfolio-item\/promocion-sant-fost\/\" title=\"Promoci\u00f3n Sant Fost\">Promoci\u00f3n Sant Fost<\/a><\/h2><div class=\"portfolio-entry-categories entry-categories wpex-clr\"><a href=\"https:\/\/www.garciafaura.com\/es\/portfolio-category\/conjuntos-residenciales\/\" class=\"term-46\">Conjuntos residenciales<\/a><\/div><\/div><\/div><\/div><div class=\"portfolio-entry vcex-grid-item entry-has-details span_1_of_3 col col-3 vcex-isotope-entry vcex-no-margin-entry post-18346 entry type-portfolio has-media cat-58 cat-60 translation_priority-6\"><div class=\"portfolio-entry-inner entry-inner wpex-clr\"><div class=\"portfolio-entry-media entry-media wpex-clr\"><a href=\"https:\/\/www.garciafaura.com\/wp-content\/uploads\/2018\/11\/Rehabilitacio\u0301-Can-Coll-01.jpg\" title=\"Rehabilitaci\u00f3n Can Coll\" class=\"portfolio-entry-media-link wpex-lightbox-gallery\" data-gallery=\"[{&quot;src&quot;:&quot;https:\\\/\\\/www.garciafaura.com\\\/wp-content\\\/uploads\\\/2018\\\/11\\\/Rehabilitacio\\u0301-Can-Coll-01.jpg&quot;,&quot;title&quot;:&quot;Arquitectura en aluminio para la rehabilitaci\\u00f3n integral de esta mas\\u00eda&quot;},{&quot;src&quot;:&quot;https:\\\/\\\/www.garciafaura.com\\\/wp-content\\\/uploads\\\/2018\\\/11\\\/Rehabilitacio\\u0301-Can-Coll-06.jpg&quot;,&quot;title&quot;:&quot;Arquitectura en aluminio para la rehabilitaci\\u00f3n integral de esta mas\\u00eda&quot;},{&quot;src&quot;:&quot;https:\\\/\\\/www.garciafaura.com\\\/wp-content\\\/uploads\\\/2018\\\/11\\\/Rehabilitacio\\u0301-Can-Coll-05.jpg&quot;,&quot;title&quot;:&quot;Arquitectura en aluminio para la rehabilitaci\\u00f3n integral de esta mas\\u00eda&quot;},{&quot;src&quot;:&quot;https:\\\/\\\/www.garciafaura.com\\\/wp-content\\\/uploads\\\/2018\\\/11\\\/Rehabilitacio\\u0301-Can-Coll-04.jpg&quot;,&quot;title&quot;:&quot;Arquitectura en aluminio para la rehabilitaci\\u00f3n integral de esta mas\\u00eda&quot;},{&quot;src&quot;:&quot;https:\\\/\\\/www.garciafaura.com\\\/wp-content\\\/uploads\\\/2018\\\/11\\\/Rehabilitacio\\u0301-Can-Coll-03.jpg&quot;,&quot;title&quot;:&quot;Arquitectura en aluminio para la rehabilitaci\\u00f3n integral de esta mas\\u00eda&quot;},{&quot;src&quot;:&quot;https:\\\/\\\/www.garciafaura.com\\\/wp-content\\\/uploads\\\/2018\\\/11\\\/Rehabilitacio\\u0301-Can-Coll-02.jpg&quot;,&quot;title&quot;:&quot;Arquitectura en aluminio para la rehabilitaci\\u00f3n integral de esta mas\\u00eda&quot;}]\"><img decoding=\"async\" data-no-lazy=\"1\" class=\"portfolio-entry-img skip-lazy\" src=\"https:\/\/www.garciafaura.com\/wp-content\/uploads\/2018\/11\/Rehabilitacio\u0301-Can-Coll-01-x.jpg\" alt=\"Arquitectura En Aluminio Para La Rehabilitaci\u00f3n Integral De Esta Mas\u00eda\" data-no-retina \/><\/a><\/div><div class=\"portfolio-entry-details entry-details wpex-clr\"><h2 class=\"portfolio-entry-title entry-title\"><a href=\"https:\/\/www.garciafaura.com\/es\/portfolio-item\/rehabilitacion-can-coll\/\" title=\"Rehabilitaci\u00f3n Can Coll\">Rehabilitaci\u00f3n Can Coll<\/a><\/h2><div class=\"portfolio-entry-categories entry-categories wpex-clr\"><a href=\"https:\/\/www.garciafaura.com\/es\/portfolio-category\/rehabilitacion\/\" class=\"term-58\">Rehabilitaci\u00f3n<\/a><\/div><\/div><\/div><\/div><div class=\"portfolio-entry vcex-grid-item entry-has-details span_1_of_3 col col-1 vcex-isotope-entry vcex-no-margin-entry post-18326 entry type-portfolio has-media cat-46 cat-58 cat-60 translation_priority-6\"><div class=\"portfolio-entry-inner entry-inner wpex-clr\"><div class=\"portfolio-entry-media entry-media wpex-clr\"><a href=\"https:\/\/www.garciafaura.com\/wp-content\/uploads\/2018\/11\/Rehabilitacio\u0301-Can-Modolell-01.jpg\" title=\"Rehabilitaci\u00f3n Can Modolell\" class=\"portfolio-entry-media-link wpex-lightbox-gallery\" data-gallery=\"[{&quot;src&quot;:&quot;https:\\\/\\\/www.garciafaura.com\\\/wp-content\\\/uploads\\\/2018\\\/11\\\/Rehabilitacio\\u0301-Can-Modolell-01.jpg&quot;,&quot;title&quot;:&quot;Rehabilitaci\\u00f3n integral de la torre Can Modolell y nueva urbanizaci\\u00f3n anexa&quot;},{&quot;src&quot;:&quot;https:\\\/\\\/www.garciafaura.com\\\/wp-content\\\/uploads\\\/2018\\\/11\\\/Rehabilitacio\\u0301-Can-Modolell-02.jpg&quot;,&quot;title&quot;:&quot;Rehabilitaci\\u00f3n integral de la torre Can Modolell y nueva urbanizaci\\u00f3n anexa&quot;}]\"><img decoding=\"async\" data-no-lazy=\"1\" class=\"portfolio-entry-img skip-lazy\" src=\"https:\/\/www.garciafaura.com\/wp-content\/uploads\/2018\/11\/Rehabilitacio\u0301-Can-Modolell-01-x.jpg\" alt=\"Rehabilitaci\u00f3n Integral De La Torre Can Modolell Y Nueva Urbanizaci\u00f3n Anexa\" data-no-retina \/><\/a><\/div><div class=\"portfolio-entry-details entry-details wpex-clr\"><h2 class=\"portfolio-entry-title entry-title\"><a href=\"https:\/\/www.garciafaura.com\/es\/portfolio-item\/rehabilitacion-can-modolell\/\" title=\"Rehabilitaci\u00f3n Can Modolell\">Rehabilitaci\u00f3n Can Modolell<\/a><\/h2><div class=\"portfolio-entry-categories entry-categories wpex-clr\"><a href=\"https:\/\/www.garciafaura.com\/es\/portfolio-category\/conjuntos-residenciales\/\" class=\"term-46\">Conjuntos residenciales<\/a><\/div><\/div><\/div><\/div><div class=\"portfolio-entry vcex-grid-item entry-has-details span_1_of_3 col col-2 vcex-isotope-entry vcex-no-margin-entry post-18317 entry type-portfolio has-media cat-60 translation_priority-6\"><div class=\"portfolio-entry-inner entry-inner wpex-clr\"><div class=\"portfolio-entry-media entry-media wpex-clr\"><a href=\"https:\/\/www.garciafaura.com\/wp-content\/uploads\/2018\/11\/Habitatge-a-Pedralbes-01.jpg\" title=\"Vivienda en Pedralbes\" class=\"portfolio-entry-media-link wpex-lightbox-gallery\" data-gallery=\"[{&quot;src&quot;:&quot;https:\\\/\\\/www.garciafaura.com\\\/wp-content\\\/uploads\\\/2018\\\/11\\\/Habitatge-a-Pedralbes-01.jpg&quot;,&quot;title&quot;:&quot;Trabajos de carpinter\\u00eda de aluminio y vidrio en vivienda residencial&quot;},{&quot;src&quot;:&quot;https:\\\/\\\/www.garciafaura.com\\\/wp-content\\\/uploads\\\/2018\\\/11\\\/Habitatge-a-Pedralbes-02.jpg&quot;}]\"><img decoding=\"async\" data-no-lazy=\"1\" class=\"portfolio-entry-img skip-lazy\" src=\"https:\/\/www.garciafaura.com\/wp-content\/uploads\/2018\/11\/Habitatge-a-Pedralbes-01-x.jpg\" alt=\"Trabajos De Carpinter\u00eda De Aluminio Y Vidrio En Vivienda Residencial\" data-no-retina \/><\/a><\/div><div class=\"portfolio-entry-details entry-details wpex-clr\"><h2 class=\"portfolio-entry-title entry-title\"><a href=\"https:\/\/www.garciafaura.com\/es\/portfolio-item\/vivienda-en-pedralbes\/\" title=\"Vivienda en Pedralbes\">Vivienda en Pedralbes<\/a><\/h2><div class=\"portfolio-entry-categories entry-categories wpex-clr\"><a href=\"https:\/\/www.garciafaura.com\/es\/portfolio-category\/residencial-es\/\" class=\"term-60\">Residencial<\/a><\/div><\/div><\/div><\/div><div class=\"portfolio-entry vcex-grid-item entry-has-details span_1_of_3 col col-3 vcex-isotope-entry vcex-no-margin-entry post-18305 entry type-portfolio has-media cat-60 translation_priority-6\"><div class=\"portfolio-entry-inner entry-inner wpex-clr\"><div class=\"portfolio-entry-media entry-media wpex-clr\"><a href=\"https:\/\/www.garciafaura.com\/wp-content\/uploads\/2018\/11\/Residencial-Sarria\u0300-01.jpg\" title=\"Residencial Sarri\u00e0\" class=\"portfolio-entry-media-link wpex-lightbox-gallery\" data-gallery=\"[{&quot;src&quot;:&quot;https:\\\/\\\/www.garciafaura.com\\\/wp-content\\\/uploads\\\/2018\\\/11\\\/Residencial-Sarria\\u0300-01.jpg&quot;,&quot;title&quot;:&quot;Trabajos de carpinter\\u00eda de aluminio y vidrio en vivienda residencial&quot;}]\"><img decoding=\"async\" data-no-lazy=\"1\" class=\"portfolio-entry-img skip-lazy\" src=\"https:\/\/www.garciafaura.com\/wp-content\/uploads\/2018\/11\/Residencial-Sarria\u0300-01-x.jpg\" alt=\"Trabajos De Carpinter\u00eda De Aluminio Y Vidrio En Vivienda Residencial\" data-no-retina \/><\/a><\/div><div class=\"portfolio-entry-details entry-details wpex-clr\"><h2 class=\"portfolio-entry-title entry-title\"><a href=\"https:\/\/www.garciafaura.com\/es\/portfolio-item\/residencial-sarria\/\" title=\"Residencial Sarri\u00e0\">Residencial Sarri\u00e0<\/a><\/h2><div class=\"portfolio-entry-categories entry-categories wpex-clr\"><a href=\"https:\/\/www.garciafaura.com\/es\/portfolio-category\/residencial-es\/\" class=\"term-60\">Residencial<\/a><\/div><\/div><\/div><\/div><div class=\"portfolio-entry vcex-grid-item entry-has-details span_1_of_3 col col-1 vcex-isotope-entry vcex-no-margin-entry post-18302 entry type-portfolio has-media cat-60 translation_priority-6\"><div class=\"portfolio-entry-inner entry-inner wpex-clr\"><div class=\"portfolio-entry-media entry-media wpex-clr\"><a href=\"https:\/\/www.garciafaura.com\/wp-content\/uploads\/2018\/11\/Habitatge-Valeta-000.jpg\" title=\"Vivienda Valeta\" class=\"portfolio-entry-media-link wpex-lightbox-gallery\" data-gallery=\"[{&quot;src&quot;:&quot;https:\\\/\\\/www.garciafaura.com\\\/wp-content\\\/uploads\\\/2018\\\/11\\\/Habitatge-Valeta-01.jpg&quot;,&quot;title&quot;:&quot;Cerramientos interiores y exteriores en vivienda unifamiliar en el barrio de Sarri\\u00e0&quot;},{&quot;src&quot;:&quot;https:\\\/\\\/www.garciafaura.com\\\/wp-content\\\/uploads\\\/2018\\\/11\\\/Habitatge-Valeta-000.jpg&quot;},{&quot;src&quot;:&quot;https:\\\/\\\/www.garciafaura.com\\\/wp-content\\\/uploads\\\/2018\\\/12\\\/Habitatge-Valeta-00.jpg&quot;},{&quot;src&quot;:&quot;https:\\\/\\\/www.garciafaura.com\\\/wp-content\\\/uploads\\\/2018\\\/11\\\/Habitatge-Valeta-03.jpg&quot;,&quot;title&quot;:&quot;Cerramientos interiores y exteriores en vivienda unifamiliar en el barrio de Sarri\\u00e0&quot;},{&quot;src&quot;:&quot;https:\\\/\\\/www.garciafaura.com\\\/wp-content\\\/uploads\\\/2018\\\/11\\\/Habitatge-Valeta-02.jpg&quot;,&quot;title&quot;:&quot;Cerramientos interiores y exteriores en vivienda unifamiliar en el barrio de Sarri\\u00e0&quot;}]\"><img loading=\"lazy\" decoding=\"async\" data-no-lazy=\"1\" class=\"portfolio-entry-img skip-lazy\" src=\"https:\/\/www.garciafaura.com\/wp-content\/uploads\/2018\/11\/Habitatge-Valeta-000-600x314.jpg\" alt='' data-no-retina width=\"600\" height=\"314\" \/><\/a><\/div><div class=\"portfolio-entry-details entry-details wpex-clr\"><h2 class=\"portfolio-entry-title entry-title\"><a href=\"https:\/\/www.garciafaura.com\/es\/portfolio-item\/vivienda-valeta\/\" title=\"Vivienda Valeta\">Vivienda Valeta<\/a><\/h2><div class=\"portfolio-entry-categories entry-categories wpex-clr\"><a href=\"https:\/\/www.garciafaura.com\/es\/portfolio-category\/residencial-es\/\" class=\"term-60\">Residencial<\/a><\/div><\/div><\/div><\/div><div class=\"portfolio-entry vcex-grid-item entry-has-details span_1_of_3 col col-2 vcex-isotope-entry vcex-no-margin-entry post-18299 entry type-portfolio has-media cat-60 translation_priority-6\"><div class=\"portfolio-entry-inner entry-inner wpex-clr\"><div class=\"portfolio-entry-media entry-media wpex-clr\"><a href=\"https:\/\/www.garciafaura.com\/wp-content\/uploads\/2018\/11\/Habitatge-a-Vallvidrera-02.jpg\" title=\"Vivienda Vallvidrera\" class=\"portfolio-entry-media-link wpex-lightbox-gallery\" data-gallery=\"[{&quot;src&quot;:&quot;https:\\\/\\\/www.garciafaura.com\\\/wp-content\\\/uploads\\\/2018\\\/11\\\/Habitatge-a-Vallvidrera-01.jpg&quot;,&quot;title&quot;:&quot;Cerramientos interiores y exteriores en vivienda unifamiliar en Vallvidrera&quot;},{&quot;src&quot;:&quot;https:\\\/\\\/www.garciafaura.com\\\/wp-content\\\/uploads\\\/2018\\\/11\\\/Habitatge-a-Vallvidrera-02.jpg&quot;,&quot;title&quot;:&quot;Cerramientos interiores y exteriores en vivienda unifamiliar en Vallvidrera&quot;}]\"><img decoding=\"async\" data-no-lazy=\"1\" class=\"portfolio-entry-img skip-lazy\" src=\"https:\/\/www.garciafaura.com\/wp-content\/uploads\/2018\/11\/Habitatge-a-Vallvidrera-02-x.jpg\" alt=\"Cerramientos Interiores Y Exteriores En Vivienda Unifamiliar En Vallvidrera\" data-no-retina \/><\/a><\/div><div class=\"portfolio-entry-details entry-details wpex-clr\"><h2 class=\"portfolio-entry-title entry-title\"><a href=\"https:\/\/www.garciafaura.com\/es\/portfolio-item\/vivienda-vallvidrera\/\" title=\"Vivienda Vallvidrera\">Vivienda Vallvidrera<\/a><\/h2><div class=\"portfolio-entry-categories entry-categories wpex-clr\"><a href=\"https:\/\/www.garciafaura.com\/es\/portfolio-category\/residencial-es\/\" class=\"term-60\">Residencial<\/a><\/div><\/div><\/div><\/div><div class=\"portfolio-entry vcex-grid-item entry-has-details span_1_of_3 col col-3 vcex-isotope-entry vcex-no-margin-entry post-18296 entry type-portfolio has-media cat-60 translation_priority-6\"><div class=\"portfolio-entry-inner entry-inner wpex-clr\"><div class=\"portfolio-entry-media entry-media wpex-clr\"><a href=\"https:\/\/www.garciafaura.com\/wp-content\/uploads\/2018\/11\/Habitatge-a-Cabrils-01.jpg\" title=\"Vivienda Cabrils\" class=\"portfolio-entry-media-link wpex-lightbox-gallery\" data-gallery=\"[{&quot;src&quot;:&quot;https:\\\/\\\/www.garciafaura.com\\\/wp-content\\\/uploads\\\/2018\\\/11\\\/Habitatge-a-Cabrils-01.jpg&quot;,&quot;title&quot;:&quot;Arquitectura en aluminio y vidrio en vivienda unifamiliar&quot;},{&quot;src&quot;:&quot;https:\\\/\\\/www.garciafaura.com\\\/wp-content\\\/uploads\\\/2018\\\/11\\\/Habitatge-a-Cabrils-10.jpg&quot;,&quot;title&quot;:&quot;Arquitectura en aluminio y vidrio en vivienda unifamiliar&quot;},{&quot;src&quot;:&quot;https:\\\/\\\/www.garciafaura.com\\\/wp-content\\\/uploads\\\/2018\\\/11\\\/Habitatge-a-Cabrils-09.jpg&quot;,&quot;title&quot;:&quot;Arquitectura en aluminio y vidrio en vivienda unifamiliar&quot;},{&quot;src&quot;:&quot;https:\\\/\\\/www.garciafaura.com\\\/wp-content\\\/uploads\\\/2018\\\/11\\\/Habitatge-a-Cabrils-08.jpg&quot;,&quot;title&quot;:&quot;Arquitectura en aluminio y vidrio en vivienda unifamiliar&quot;},{&quot;src&quot;:&quot;https:\\\/\\\/www.garciafaura.com\\\/wp-content\\\/uploads\\\/2018\\\/11\\\/Habitatge-a-Cabrils-07.jpg&quot;,&quot;title&quot;:&quot;Arquitectura en aluminio y vidrio en vivienda unifamiliar&quot;},{&quot;src&quot;:&quot;https:\\\/\\\/www.garciafaura.com\\\/wp-content\\\/uploads\\\/2018\\\/11\\\/Habitatge-a-Cabrils-06.jpg&quot;,&quot;title&quot;:&quot;Arquitectura en aluminio y vidrio en vivienda unifamiliar&quot;},{&quot;src&quot;:&quot;https:\\\/\\\/www.garciafaura.com\\\/wp-content\\\/uploads\\\/2018\\\/11\\\/Habitatge-a-Cabrils-05.jpg&quot;,&quot;title&quot;:&quot;Arquitectura en aluminio y vidrio en vivienda unifamiliar&quot;},{&quot;src&quot;:&quot;https:\\\/\\\/www.garciafaura.com\\\/wp-content\\\/uploads\\\/2018\\\/11\\\/Habitatge-a-Cabrils-04.jpg&quot;,&quot;title&quot;:&quot;Arquitectura en aluminio y vidrio en vivienda unifamiliar&quot;},{&quot;src&quot;:&quot;https:\\\/\\\/www.garciafaura.com\\\/wp-content\\\/uploads\\\/2018\\\/11\\\/Habitatge-a-Cabrils-03.jpg&quot;,&quot;title&quot;:&quot;Arquitectura en aluminio y vidrio en vivienda unifamiliar&quot;},{&quot;src&quot;:&quot;https:\\\/\\\/www.garciafaura.com\\\/wp-content\\\/uploads\\\/2018\\\/11\\\/Habitatge-a-Cabrils-02.jpg&quot;,&quot;title&quot;:&quot;Arquitectura en aluminio y vidrio en vivienda unifamiliar&quot;}]\"><img decoding=\"async\" data-no-lazy=\"1\" class=\"portfolio-entry-img skip-lazy\" src=\"https:\/\/www.garciafaura.com\/wp-content\/uploads\/2018\/11\/Habitatge-a-Cabrils-01-x.jpg\" alt=\"Arquitectura En Aluminio Y Vidrio En Vivienda Unifamiliar\" data-no-retina \/><\/a><\/div><div class=\"portfolio-entry-details entry-details wpex-clr\"><h2 class=\"portfolio-entry-title entry-title\"><a href=\"https:\/\/www.garciafaura.com\/es\/portfolio-item\/vivienda-cabrils\/\" title=\"Vivienda Cabrils\">Vivienda Cabrils<\/a><\/h2><div class=\"portfolio-entry-categories entry-categories wpex-clr\"><a href=\"https:\/\/www.garciafaura.com\/es\/portfolio-category\/residencial-es\/\" class=\"term-60\">Residencial<\/a><\/div><\/div><\/div><\/div><div class=\"portfolio-entry vcex-grid-item entry-has-details span_1_of_3 col col-1 vcex-isotope-entry vcex-no-margin-entry post-18250 entry type-portfolio has-media cat-60 translation_priority-6\"><div class=\"portfolio-entry-inner entry-inner wpex-clr\"><div class=\"portfolio-entry-media entry-media wpex-clr\"><a href=\"https:\/\/www.garciafaura.com\/wp-content\/uploads\/2018\/11\/Promocio\u0301-Abadessa-Olzet-01.jpg\" title=\"Residencial Olzet\" class=\"portfolio-entry-media-link wpex-lightbox-gallery\" data-gallery=\"[{&quot;src&quot;:&quot;https:\\\/\\\/www.garciafaura.com\\\/wp-content\\\/uploads\\\/2018\\\/11\\\/Promocio\\u0301-Abadessa-Olzet-01.jpg&quot;,&quot;title&quot;:&quot;Trabajos de vidrier\\u00eda y aluminio en conjunto residencial de primer nivel en Barcelona&quot;},{&quot;src&quot;:&quot;https:\\\/\\\/www.garciafaura.com\\\/wp-content\\\/uploads\\\/2018\\\/11\\\/Promocio\\u0301-Abadessa-Olzet-06.jpg&quot;,&quot;title&quot;:&quot;Trabajos de vidrier\\u00eda y aluminio en conjunto residencial de primer nivel en Barcelona&quot;},{&quot;src&quot;:&quot;https:\\\/\\\/www.garciafaura.com\\\/wp-content\\\/uploads\\\/2018\\\/11\\\/Promocio\\u0301-Abadessa-Olzet-05.jpg&quot;,&quot;title&quot;:&quot;Trabajos de vidrier\\u00eda y aluminio en conjunto residencial de primer nivel en Barcelona&quot;},{&quot;src&quot;:&quot;https:\\\/\\\/www.garciafaura.com\\\/wp-content\\\/uploads\\\/2018\\\/11\\\/Promocio\\u0301-Abadessa-Olzet-04.jpg&quot;,&quot;title&quot;:&quot;Trabajos de vidrier\\u00eda y aluminio en conjunto residencial de primer nivel en Barcelona&quot;},{&quot;src&quot;:&quot;https:\\\/\\\/www.garciafaura.com\\\/wp-content\\\/uploads\\\/2018\\\/11\\\/Promocio\\u0301-Abadessa-Olzet-03.jpg&quot;,&quot;title&quot;:&quot;Trabajos de vidrier\\u00eda y aluminio en conjunto residencial de primer nivel en Barcelona&quot;},{&quot;src&quot;:&quot;https:\\\/\\\/www.garciafaura.com\\\/wp-content\\\/uploads\\\/2018\\\/11\\\/Promocio\\u0301-Abadessa-Olzet-02.jpg&quot;,&quot;title&quot;:&quot;Trabajos de vidrier\\u00eda y aluminio en conjunto residencial de primer nivel en Barcelona&quot;}]\"><img decoding=\"async\" data-no-lazy=\"1\" class=\"portfolio-entry-img skip-lazy\" src=\"https:\/\/www.garciafaura.com\/wp-content\/uploads\/2018\/11\/Promocio\u0301-Abadessa-Olzet-01-x.jpg\" alt=\"Trabajos De Vidrier\u00eda Y Aluminio En Conjunto Residencial De Primer Nivel En Barcelona\" data-no-retina \/><\/a><\/div><div class=\"portfolio-entry-details entry-details wpex-clr\"><h2 class=\"portfolio-entry-title entry-title\"><a href=\"https:\/\/www.garciafaura.com\/es\/portfolio-item\/residencial-olzet\/\" title=\"Residencial Olzet\">Residencial Olzet<\/a><\/h2><div class=\"portfolio-entry-categories entry-categories wpex-clr\"><a href=\"https:\/\/www.garciafaura.com\/es\/portfolio-category\/residencial-es\/\" class=\"term-60\">Residencial<\/a><\/div><\/div><\/div><\/div><div class=\"portfolio-entry vcex-grid-item entry-has-details span_1_of_3 col col-2 vcex-isotope-entry vcex-no-margin-entry post-18247 entry type-portfolio has-media cat-60 translation_priority-6\"><div class=\"portfolio-entry-inner entry-inner wpex-clr\"><div class=\"portfolio-entry-media entry-media wpex-clr\"><a href=\"https:\/\/www.garciafaura.com\/wp-content\/uploads\/2018\/11\/Promocio\u0301-carrer-Bellesguard-02.jpg\" title=\"Promoci\u00f3n Bellesguard\" class=\"portfolio-entry-media-link wpex-lightbox-gallery\" data-gallery=\"[{&quot;src&quot;:&quot;https:\\\/\\\/www.garciafaura.com\\\/wp-content\\\/uploads\\\/2018\\\/11\\\/Promocio\\u0301-carrer-Bellesguard-01.jpg&quot;,&quot;title&quot;:&quot;Conjunto de cerramientos interiores y exteriores en esta promoci\\u00f3n de viviendas en Barcelona&quot;},{&quot;src&quot;:&quot;https:\\\/\\\/www.garciafaura.com\\\/wp-content\\\/uploads\\\/2018\\\/11\\\/Promocio\\u0301-carrer-Bellesguard-02.jpg&quot;,&quot;title&quot;:&quot;Conjunto de cerramientos interiores y exteriores en esta promoci\\u00f3n de viviendas en Barcelona&quot;}]\"><img decoding=\"async\" data-no-lazy=\"1\" class=\"portfolio-entry-img skip-lazy\" src=\"https:\/\/www.garciafaura.com\/wp-content\/uploads\/2018\/11\/Promocio\u0301-carrer-Bellesguard-02-x.jpg\" alt=\"Conjunto De Cerramientos Interiores Y Exteriores En Esta Promoci\u00f3n De Viviendas En Barcelona\" data-no-retina \/><\/a><\/div><div class=\"portfolio-entry-details entry-details wpex-clr\"><h2 class=\"portfolio-entry-title entry-title\"><a href=\"https:\/\/www.garciafaura.com\/es\/portfolio-item\/promocion-bellesguard\/\" title=\"Promoci\u00f3n Bellesguard\">Promoci\u00f3n Bellesguard<\/a><\/h2><div class=\"portfolio-entry-categories entry-categories wpex-clr\"><a href=\"https:\/\/www.garciafaura.com\/es\/portfolio-category\/residencial-es\/\" class=\"term-60\">Residencial<\/a><\/div><\/div><\/div><\/div><div class=\"portfolio-entry vcex-grid-item entry-has-details span_1_of_3 col col-3 vcex-isotope-entry vcex-no-margin-entry post-18214 entry type-portfolio has-media cat-60 cat-61 translation_priority-6\"><div class=\"portfolio-entry-inner entry-inner wpex-clr\"><div class=\"portfolio-entry-media entry-media wpex-clr\"><a href=\"https:\/\/www.garciafaura.com\/wp-content\/uploads\/2018\/11\/Promocio\u0301-Oliveres-02.jpg\" title=\"Promoci\u00f3n Oliveres\" class=\"portfolio-entry-media-link wpex-lightbox-gallery\" data-gallery=\"[{&quot;src&quot;:&quot;https:\\\/\\\/www.garciafaura.com\\\/wp-content\\\/uploads\\\/2018\\\/11\\\/Promocio\\u0301-Oliveres-01.jpg&quot;,&quot;title&quot;:&quot;Aluminio y vidrier\\u00eda interior y exterior de 3 viviendas unifamiliares exclusivos en El Papiol&quot;},{&quot;src&quot;:&quot;https:\\\/\\\/www.garciafaura.com\\\/wp-content\\\/uploads\\\/2018\\\/11\\\/Promocio\\u0301-Oliveres-33.jpg&quot;,&quot;title&quot;:&quot;Aluminio y vidrier\\u00eda interior y exterior de 3 viviendas unifamiliares exclusivos en El Papiol&quot;},{&quot;src&quot;:&quot;https:\\\/\\\/www.garciafaura.com\\\/wp-content\\\/uploads\\\/2018\\\/11\\\/Promocio\\u0301-Oliveres-32.jpg&quot;,&quot;title&quot;:&quot;Aluminio y vidrier\\u00eda interior y exterior de 3 viviendas unifamiliares exclusivos en El Papiol&quot;},{&quot;src&quot;:&quot;https:\\\/\\\/www.garciafaura.com\\\/wp-content\\\/uploads\\\/2018\\\/11\\\/Promocio\\u0301-Oliveres-31.jpg&quot;,&quot;title&quot;:&quot;Aluminio y vidrier\\u00eda interior y exterior de 3 viviendas unifamiliares exclusivos en El Papiol&quot;},{&quot;src&quot;:&quot;https:\\\/\\\/www.garciafaura.com\\\/wp-content\\\/uploads\\\/2018\\\/11\\\/Promocio\\u0301-Oliveres-30.jpg&quot;,&quot;title&quot;:&quot;Aluminio y vidrier\\u00eda interior y exterior de 3 viviendas unifamiliares exclusivos en El Papiol&quot;},{&quot;src&quot;:&quot;https:\\\/\\\/www.garciafaura.com\\\/wp-content\\\/uploads\\\/2018\\\/11\\\/Promocio\\u0301-Oliveres-29.jpg&quot;,&quot;title&quot;:&quot;Aluminio y vidrier\\u00eda interior y exterior de 3 viviendas unifamiliares exclusivos en El Papiol&quot;},{&quot;src&quot;:&quot;https:\\\/\\\/www.garciafaura.com\\\/wp-content\\\/uploads\\\/2018\\\/11\\\/Promocio\\u0301-Oliveres-28.jpg&quot;,&quot;title&quot;:&quot;Aluminio y vidrier\\u00eda interior y exterior de 3 viviendas unifamiliares exclusivos en El Papiol&quot;},{&quot;src&quot;:&quot;https:\\\/\\\/www.garciafaura.com\\\/wp-content\\\/uploads\\\/2018\\\/11\\\/Promocio\\u0301-Oliveres-27.jpg&quot;,&quot;title&quot;:&quot;Aluminio y vidrier\\u00eda interior y exterior de 3 viviendas unifamiliares exclusivos en El Papiol&quot;},{&quot;src&quot;:&quot;https:\\\/\\\/www.garciafaura.com\\\/wp-content\\\/uploads\\\/2018\\\/11\\\/Promocio\\u0301-Oliveres-26.jpg&quot;,&quot;title&quot;:&quot;Aluminio y vidrier\\u00eda interior y exterior de 3 viviendas unifamiliares exclusivos en El Papiol&quot;},{&quot;src&quot;:&quot;https:\\\/\\\/www.garciafaura.com\\\/wp-content\\\/uploads\\\/2018\\\/11\\\/Promocio\\u0301-Oliveres-25.jpg&quot;,&quot;title&quot;:&quot;Aluminio y vidrier\\u00eda interior y exterior de 3 viviendas unifamiliares exclusivos en El Papiol&quot;},{&quot;src&quot;:&quot;https:\\\/\\\/www.garciafaura.com\\\/wp-content\\\/uploads\\\/2018\\\/11\\\/Promocio\\u0301-Oliveres-24.jpg&quot;,&quot;title&quot;:&quot;Aluminio y vidrier\\u00eda interior y exterior de 3 viviendas unifamiliares exclusivos en El Papiol&quot;},{&quot;src&quot;:&quot;https:\\\/\\\/www.garciafaura.com\\\/wp-content\\\/uploads\\\/2018\\\/11\\\/Promocio\\u0301-Oliveres-23.jpg&quot;,&quot;title&quot;:&quot;Aluminio y vidrier\\u00eda interior y exterior de 3 viviendas unifamiliares exclusivos en El Papiol&quot;},{&quot;src&quot;:&quot;https:\\\/\\\/www.garciafaura.com\\\/wp-content\\\/uploads\\\/2018\\\/11\\\/Promocio\\u0301-Oliveres-22.jpg&quot;,&quot;title&quot;:&quot;Aluminio y vidrier\\u00eda interior y exterior de 3 viviendas unifamiliares exclusivos en El Papiol&quot;},{&quot;src&quot;:&quot;https:\\\/\\\/www.garciafaura.com\\\/wp-content\\\/uploads\\\/2018\\\/11\\\/Promocio\\u0301-Oliveres-21.jpg&quot;,&quot;title&quot;:&quot;Aluminio y vidrier\\u00eda interior y exterior de 3 viviendas unifamiliares exclusivos en El Papiol&quot;},{&quot;src&quot;:&quot;https:\\\/\\\/www.garciafaura.com\\\/wp-content\\\/uploads\\\/2018\\\/11\\\/Promocio\\u0301-Oliveres-20.jpg&quot;,&quot;title&quot;:&quot;Aluminio y vidrier\\u00eda interior y exterior de 3 viviendas unifamiliares exclusivos en El Papiol&quot;},{&quot;src&quot;:&quot;https:\\\/\\\/www.garciafaura.com\\\/wp-content\\\/uploads\\\/2018\\\/11\\\/Promocio\\u0301-Oliveres-19.jpg&quot;,&quot;title&quot;:&quot;Aluminio y vidrier\\u00eda interior y exterior de 3 viviendas unifamiliares exclusivos en El Papiol&quot;},{&quot;src&quot;:&quot;https:\\\/\\\/www.garciafaura.com\\\/wp-content\\\/uploads\\\/2018\\\/11\\\/Promocio\\u0301-Oliveres-18.jpg&quot;,&quot;title&quot;:&quot;Aluminio y vidrier\\u00eda interior y exterior de 3 viviendas unifamiliares exclusivos en El Papiol&quot;},{&quot;src&quot;:&quot;https:\\\/\\\/www.garciafaura.com\\\/wp-content\\\/uploads\\\/2018\\\/11\\\/Promocio\\u0301-Oliveres-17.jpg&quot;,&quot;title&quot;:&quot;Aluminio y vidrier\\u00eda interior y exterior de 3 viviendas unifamiliares exclusivos en El Papiol&quot;},{&quot;src&quot;:&quot;https:\\\/\\\/www.garciafaura.com\\\/wp-content\\\/uploads\\\/2018\\\/11\\\/Promocio\\u0301-Oliveres-16.jpg&quot;,&quot;title&quot;:&quot;Aluminio y vidrier\\u00eda interior y exterior de 3 viviendas unifamiliares exclusivos en El Papiol&quot;},{&quot;src&quot;:&quot;https:\\\/\\\/www.garciafaura.com\\\/wp-content\\\/uploads\\\/2018\\\/11\\\/Promocio\\u0301-Oliveres-15.jpg&quot;,&quot;title&quot;:&quot;Aluminio y vidrier\\u00eda interior y exterior de 3 viviendas unifamiliares exclusivos en El Papiol&quot;},{&quot;src&quot;:&quot;https:\\\/\\\/www.garciafaura.com\\\/wp-content\\\/uploads\\\/2018\\\/11\\\/Promocio\\u0301-Oliveres-14.jpg&quot;,&quot;title&quot;:&quot;Aluminio y vidrier\\u00eda interior y exterior de 3 viviendas unifamiliares exclusivos en El Papiol&quot;},{&quot;src&quot;:&quot;https:\\\/\\\/www.garciafaura.com\\\/wp-content\\\/uploads\\\/2018\\\/11\\\/Promocio\\u0301-Oliveres-13.jpg&quot;,&quot;title&quot;:&quot;Aluminio y vidrier\\u00eda interior y exterior de 3 viviendas unifamiliares exclusivos en El Papiol&quot;},{&quot;src&quot;:&quot;https:\\\/\\\/www.garciafaura.com\\\/wp-content\\\/uploads\\\/2018\\\/11\\\/Promocio\\u0301-Oliveres-12.jpg&quot;,&quot;title&quot;:&quot;Aluminio y vidrier\\u00eda interior y exterior de 3 viviendas unifamiliares exclusivos en El Papiol&quot;},{&quot;src&quot;:&quot;https:\\\/\\\/www.garciafaura.com\\\/wp-content\\\/uploads\\\/2018\\\/11\\\/Promocio\\u0301-Oliveres-11.jpg&quot;,&quot;title&quot;:&quot;Aluminio y vidrier\\u00eda interior y exterior de 3 viviendas unifamiliares exclusivos en El Papiol&quot;},{&quot;src&quot;:&quot;https:\\\/\\\/www.garciafaura.com\\\/wp-content\\\/uploads\\\/2018\\\/11\\\/Promocio\\u0301-Oliveres-10.jpg&quot;,&quot;title&quot;:&quot;Aluminio y vidrier\\u00eda interior y exterior de 3 viviendas unifamiliares exclusivos en El Papiol&quot;},{&quot;src&quot;:&quot;https:\\\/\\\/www.garciafaura.com\\\/wp-content\\\/uploads\\\/2018\\\/11\\\/Promocio\\u0301-Oliveres-09.jpg&quot;,&quot;title&quot;:&quot;Aluminio y vidrier\\u00eda interior y exterior de 3 viviendas unifamiliares exclusivos en El Papiol&quot;},{&quot;src&quot;:&quot;https:\\\/\\\/www.garciafaura.com\\\/wp-content\\\/uploads\\\/2018\\\/11\\\/Promocio\\u0301-Oliveres-08.jpg&quot;,&quot;title&quot;:&quot;Aluminio y vidrier\\u00eda interior y exterior de 3 viviendas unifamiliares exclusivos en El Papiol&quot;},{&quot;src&quot;:&quot;https:\\\/\\\/www.garciafaura.com\\\/wp-content\\\/uploads\\\/2018\\\/11\\\/Promocio\\u0301-Oliveres-07.jpg&quot;,&quot;title&quot;:&quot;Aluminio y vidrier\\u00eda interior y exterior de 3 viviendas unifamiliares exclusivos en El Papiol&quot;},{&quot;src&quot;:&quot;https:\\\/\\\/www.garciafaura.com\\\/wp-content\\\/uploads\\\/2018\\\/11\\\/Promocio\\u0301-Oliveres-06.jpg&quot;,&quot;title&quot;:&quot;Aluminio y vidrier\\u00eda interior y exterior de 3 viviendas unifamiliares exclusivos en El Papiol&quot;},{&quot;src&quot;:&quot;https:\\\/\\\/www.garciafaura.com\\\/wp-content\\\/uploads\\\/2018\\\/11\\\/Promocio\\u0301-Oliveres-05.jpg&quot;,&quot;title&quot;:&quot;Aluminio y vidrier\\u00eda interior y exterior de 3 viviendas unifamiliares exclusivos en El Papiol&quot;},{&quot;src&quot;:&quot;https:\\\/\\\/www.garciafaura.com\\\/wp-content\\\/uploads\\\/2018\\\/11\\\/Promocio\\u0301-Oliveres-04.jpg&quot;,&quot;title&quot;:&quot;Aluminio y vidrier\\u00eda interior y exterior de 3 viviendas unifamiliares exclusivos en El Papiol&quot;},{&quot;src&quot;:&quot;https:\\\/\\\/www.garciafaura.com\\\/wp-content\\\/uploads\\\/2018\\\/11\\\/Promocio\\u0301-Oliveres-03.jpg&quot;,&quot;title&quot;:&quot;Aluminio y vidrier\\u00eda interior y exterior de 3 viviendas unifamiliares exclusivos en El Papiol&quot;},{&quot;src&quot;:&quot;https:\\\/\\\/www.garciafaura.com\\\/wp-content\\\/uploads\\\/2018\\\/11\\\/Promocio\\u0301-Oliveres-02.jpg&quot;,&quot;title&quot;:&quot;Aluminio y vidrier\\u00eda interior y exterior de 3 viviendas unifamiliares exclusivos en El Papiol&quot;}]\"><img loading=\"lazy\" decoding=\"async\" data-no-lazy=\"1\" class=\"portfolio-entry-img skip-lazy\" src=\"https:\/\/www.garciafaura.com\/wp-content\/uploads\/2018\/11\/Promocio\u0301-Oliveres-02.jpg\" alt=\"Aluminio Y Vidrier\u00eda Interior Y Exterior De 3 Viviendas Unifamiliares Exclusivos En El Papiol\" data-no-retina width=\"600\" height=\"315\" \/><\/a><\/div><div class=\"portfolio-entry-details entry-details wpex-clr\"><h2 class=\"portfolio-entry-title entry-title\"><a href=\"https:\/\/www.garciafaura.com\/es\/portfolio-item\/promocion-oliveres\/\" title=\"Promoci\u00f3n Oliveres\">Promoci\u00f3n Oliveres<\/a><\/h2><div class=\"portfolio-entry-categories entry-categories wpex-clr\"><a href=\"https:\/\/www.garciafaura.com\/es\/portfolio-category\/residencial-es\/\" class=\"term-60\">Residencial<\/a><\/div><\/div><\/div><\/div><div class=\"portfolio-entry vcex-grid-item entry-has-details span_1_of_3 col col-1 vcex-isotope-entry vcex-no-margin-entry post-18172 entry type-portfolio has-media cat-60 cat-61 translation_priority-6\"><div class=\"portfolio-entry-inner entry-inner wpex-clr\"><div class=\"portfolio-entry-media entry-media wpex-clr\"><a href=\"https:\/\/www.garciafaura.com\/wp-content\/uploads\/2018\/11\/Unifamiliar-Castelldefels-01.jpg\" title=\"Unifamiliar Castelldefels\" class=\"portfolio-entry-media-link wpex-lightbox-gallery\" data-gallery=\"[{&quot;src&quot;:&quot;https:\\\/\\\/www.garciafaura.com\\\/wp-content\\\/uploads\\\/2018\\\/10\\\/Unifamiliar-Castelldefels-01.jpg&quot;,&quot;title&quot;:&quot;Trabajos de carpinter\\u00eda de aluminio y vidrio en vivienda residencial&quot;},{&quot;src&quot;:&quot;https:\\\/\\\/www.garciafaura.com\\\/wp-content\\\/uploads\\\/2018\\\/11\\\/Unifamiliar-Castelldefels-12.jpg&quot;,&quot;title&quot;:&quot;Trabajos de carpinter\\u00eda de aluminio y vidrio en vivienda residencial&quot;},{&quot;src&quot;:&quot;https:\\\/\\\/www.garciafaura.com\\\/wp-content\\\/uploads\\\/2018\\\/11\\\/Unifamiliar-Castelldefels-11.jpg&quot;,&quot;title&quot;:&quot;Trabajos de carpinter\\u00eda de aluminio y vidrio en vivienda residencial&quot;},{&quot;src&quot;:&quot;https:\\\/\\\/www.garciafaura.com\\\/wp-content\\\/uploads\\\/2018\\\/11\\\/Unifamiliar-Castelldefels-10.jpg&quot;,&quot;title&quot;:&quot;Trabajos de carpinter\\u00eda de aluminio y vidrio en vivienda residencial&quot;},{&quot;src&quot;:&quot;https:\\\/\\\/www.garciafaura.com\\\/wp-content\\\/uploads\\\/2018\\\/11\\\/Unifamiliar-Castelldefels-09.jpg&quot;,&quot;title&quot;:&quot;Trabajos de carpinter\\u00eda de aluminio y vidrio en vivienda residencial&quot;},{&quot;src&quot;:&quot;https:\\\/\\\/www.garciafaura.com\\\/wp-content\\\/uploads\\\/2018\\\/11\\\/Unifamiliar-Castelldefels-08.jpg&quot;,&quot;title&quot;:&quot;Trabajos de carpinter\\u00eda de aluminio y vidrio en vivienda residencial&quot;},{&quot;src&quot;:&quot;https:\\\/\\\/www.garciafaura.com\\\/wp-content\\\/uploads\\\/2018\\\/11\\\/Unifamiliar-Castelldefels-07.jpg&quot;,&quot;title&quot;:&quot;Trabajos de carpinter\\u00eda de aluminio y vidrio en vivienda residencial&quot;},{&quot;src&quot;:&quot;https:\\\/\\\/www.garciafaura.com\\\/wp-content\\\/uploads\\\/2018\\\/11\\\/Unifamiliar-Castelldefels-06.jpg&quot;,&quot;title&quot;:&quot;Trabajos de carpinter\\u00eda de aluminio y vidrio en vivienda residencial&quot;},{&quot;src&quot;:&quot;https:\\\/\\\/www.garciafaura.com\\\/wp-content\\\/uploads\\\/2018\\\/11\\\/Unifamiliar-Castelldefels-05.jpg&quot;,&quot;title&quot;:&quot;Trabajos de carpinter\\u00eda de aluminio y vidrio en vivienda residencial&quot;},{&quot;src&quot;:&quot;https:\\\/\\\/www.garciafaura.com\\\/wp-content\\\/uploads\\\/2018\\\/11\\\/Unifamiliar-Castelldefels-04.jpg&quot;,&quot;title&quot;:&quot;Trabajos de carpinter\\u00eda de aluminio y vidrio en vivienda residencial&quot;},{&quot;src&quot;:&quot;https:\\\/\\\/www.garciafaura.com\\\/wp-content\\\/uploads\\\/2018\\\/11\\\/Unifamiliar-Castelldefels-03.jpg&quot;,&quot;title&quot;:&quot;Trabajos de carpinter\\u00eda de aluminio y vidrio en vivienda residencial&quot;},{&quot;src&quot;:&quot;https:\\\/\\\/www.garciafaura.com\\\/wp-content\\\/uploads\\\/2018\\\/11\\\/Unifamiliar-Castelldefels-02.jpg&quot;,&quot;title&quot;:&quot;Trabajos de carpinter\\u00eda de aluminio y vidrio en vivienda residencial&quot;},{&quot;src&quot;:&quot;https:\\\/\\\/www.garciafaura.com\\\/wp-content\\\/uploads\\\/2018\\\/11\\\/Unifamiliar-Castelldefels-01.jpg&quot;,&quot;title&quot;:&quot;Trabajos de carpinter\\u00eda de aluminio y vidrio en vivienda residencial&quot;},{&quot;src&quot;:&quot;https:\\\/\\\/www.garciafaura.com\\\/wp-content\\\/uploads\\\/2018\\\/10\\\/Unifamiliar-Castelldefels-07.jpg&quot;,&quot;title&quot;:&quot;Trabajos de carpinter\\u00eda de aluminio y vidrio en vivienda residencial&quot;},{&quot;src&quot;:&quot;https:\\\/\\\/www.garciafaura.com\\\/wp-content\\\/uploads\\\/2018\\\/10\\\/Unifamiliar-Castelldefels-06.jpg&quot;,&quot;title&quot;:&quot;Trabajos de carpinter\\u00eda de aluminio y vidrio en vivienda residencial&quot;},{&quot;src&quot;:&quot;https:\\\/\\\/www.garciafaura.com\\\/wp-content\\\/uploads\\\/2018\\\/10\\\/Unifamiliar-Castelldefels-05.jpg&quot;,&quot;title&quot;:&quot;Trabajos de carpinter\\u00eda de aluminio y vidrio en vivienda residencial&quot;},{&quot;src&quot;:&quot;https:\\\/\\\/www.garciafaura.com\\\/wp-content\\\/uploads\\\/2018\\\/10\\\/Unifamiliar-Castelldefels-04.jpg&quot;,&quot;title&quot;:&quot;Trabajos de carpinter\\u00eda de aluminio y vidrio en vivienda residencial&quot;},{&quot;src&quot;:&quot;https:\\\/\\\/www.garciafaura.com\\\/wp-content\\\/uploads\\\/2018\\\/10\\\/Unifamiliar-Castelldefels-03.jpg&quot;,&quot;title&quot;:&quot;Trabajos de carpinter\\u00eda de aluminio y vidrio en vivienda residencial&quot;},{&quot;src&quot;:&quot;https:\\\/\\\/www.garciafaura.com\\\/wp-content\\\/uploads\\\/2018\\\/10\\\/Unifamiliar-Castelldefels-02.jpg&quot;,&quot;title&quot;:&quot;Trabajos de carpinter\\u00eda de aluminio y vidrio en vivienda residencial&quot;}]\"><img loading=\"lazy\" decoding=\"async\" data-no-lazy=\"1\" class=\"portfolio-entry-img skip-lazy\" src=\"https:\/\/www.garciafaura.com\/wp-content\/uploads\/2018\/11\/Unifamiliar-Castelldefels-01-600x314.jpg\" alt=\"Trabajos De Carpinter\u00eda De Aluminio Y Vidrio En Vivienda Residencial\" data-no-retina width=\"600\" height=\"314\" \/><\/a><\/div><div class=\"portfolio-entry-details entry-details wpex-clr\"><h2 class=\"portfolio-entry-title entry-title\"><a href=\"https:\/\/www.garciafaura.com\/es\/portfolio-item\/unifamiliar-castelldefels\/\" title=\"Unifamiliar Castelldefels\">Unifamiliar Castelldefels<\/a><\/h2><div class=\"portfolio-entry-categories entry-categories wpex-clr\"><a href=\"https:\/\/www.garciafaura.com\/es\/portfolio-category\/residencial-es\/\" class=\"term-60\">Residencial<\/a><\/div><\/div><\/div><\/div><div class=\"portfolio-entry vcex-grid-item entry-has-details span_1_of_3 col col-2 vcex-isotope-entry vcex-no-margin-entry post-18128 entry type-portfolio has-media cat-60 cat-61 translation_priority-6\"><div class=\"portfolio-entry-inner entry-inner wpex-clr\"><div class=\"portfolio-entry-media entry-media wpex-clr\"><a href=\"https:\/\/www.garciafaura.com\/wp-content\/uploads\/2018\/11\/Xalet-Gava\u0300-02.jpg\" title=\"Chalet en Gav\u00e0\" class=\"portfolio-entry-media-link wpex-lightbox-gallery\" data-gallery=\"[{&quot;src&quot;:&quot;https:\\\/\\\/www.garciafaura.com\\\/wp-content\\\/uploads\\\/2018\\\/11\\\/Xalet-Gava\\u0300-01.jpg&quot;,&quot;title&quot;:&quot;Fachada y cerramientos en aluminio y vidrio&quot;},{&quot;src&quot;:&quot;https:\\\/\\\/www.garciafaura.com\\\/wp-content\\\/uploads\\\/2018\\\/11\\\/Xalet-Gava\\u0300-08.jpg&quot;,&quot;title&quot;:&quot;Fachada y cerramientos en aluminio y vidrio&quot;},{&quot;src&quot;:&quot;https:\\\/\\\/www.garciafaura.com\\\/wp-content\\\/uploads\\\/2018\\\/11\\\/Xalet-Gava\\u0300-07.jpg&quot;,&quot;title&quot;:&quot;Fachada y cerramientos en aluminio y vidrio&quot;},{&quot;src&quot;:&quot;https:\\\/\\\/www.garciafaura.com\\\/wp-content\\\/uploads\\\/2018\\\/11\\\/Xalet-Gava\\u0300-06.jpg&quot;,&quot;title&quot;:&quot;Fachada y cerramientos en aluminio y vidrio&quot;},{&quot;src&quot;:&quot;https:\\\/\\\/www.garciafaura.com\\\/wp-content\\\/uploads\\\/2018\\\/11\\\/Xalet-Gava\\u0300-05.jpg&quot;,&quot;title&quot;:&quot;Fachada y cerramientos en aluminio y vidrio&quot;},{&quot;src&quot;:&quot;https:\\\/\\\/www.garciafaura.com\\\/wp-content\\\/uploads\\\/2018\\\/11\\\/Xalet-Gava\\u0300-04.jpg&quot;,&quot;title&quot;:&quot;Fachada y cerramientos en aluminio y vidrio&quot;},{&quot;src&quot;:&quot;https:\\\/\\\/www.garciafaura.com\\\/wp-content\\\/uploads\\\/2018\\\/11\\\/Xalet-Gava\\u0300-03.jpg&quot;,&quot;title&quot;:&quot;Fachada y cerramientos en aluminio y vidrio&quot;},{&quot;src&quot;:&quot;https:\\\/\\\/www.garciafaura.com\\\/wp-content\\\/uploads\\\/2018\\\/11\\\/Xalet-Gava\\u0300-02.jpg&quot;,&quot;title&quot;:&quot;Fachada y cerramientos en aluminio y vidrio&quot;}]\"><img decoding=\"async\" data-no-lazy=\"1\" class=\"portfolio-entry-img skip-lazy\" src=\"https:\/\/www.garciafaura.com\/wp-content\/uploads\/2018\/11\/Xalet-Gava\u0300-02-x.jpg\" alt=\"Fachada Y Cerramientos En Aluminio Y Vidrio\" data-no-retina \/><\/a><\/div><div class=\"portfolio-entry-details entry-details wpex-clr\"><h2 class=\"portfolio-entry-title entry-title\"><a href=\"https:\/\/www.garciafaura.com\/es\/portfolio-item\/chalet-en-gava\/\" title=\"Chalet en Gav\u00e0\">Chalet en Gav\u00e0<\/a><\/h2><div class=\"portfolio-entry-categories entry-categories wpex-clr\"><a href=\"https:\/\/www.garciafaura.com\/es\/portfolio-category\/residencial-es\/\" class=\"term-60\">Residencial<\/a><\/div><\/div><\/div><\/div><div class=\"portfolio-entry vcex-grid-item entry-has-details span_1_of_3 col col-3 vcex-isotope-entry vcex-no-margin-entry post-18122 entry type-portfolio has-media cat-60 translation_priority-6\"><div class=\"portfolio-entry-inner entry-inner wpex-clr\"><div class=\"portfolio-entry-media entry-media wpex-clr\"><a href=\"https:\/\/www.garciafaura.com\/wp-content\/uploads\/2018\/11\/Mo\u0300duls-prefabricats-03.jpg\" title=\"M\u00f3dulos prefabricados\" class=\"portfolio-entry-media-link wpex-lightbox-gallery\" data-gallery=\"[{&quot;src&quot;:&quot;https:\\\/\\\/www.garciafaura.com\\\/wp-content\\\/uploads\\\/2018\\\/11\\\/Mo\\u0300duls-prefabricats-01.jpg&quot;,&quot;title&quot;:&quot;Cerramientos exteriores para m\\u00f3dulos de casas prefabricadas&quot;},{&quot;src&quot;:&quot;https:\\\/\\\/www.garciafaura.com\\\/wp-content\\\/uploads\\\/2018\\\/11\\\/Mo\\u0300duls-prefabricats-06.jpg&quot;,&quot;title&quot;:&quot;Cerramientos exteriores para m\\u00f3dulos de casas prefabricadas&quot;},{&quot;src&quot;:&quot;https:\\\/\\\/www.garciafaura.com\\\/wp-content\\\/uploads\\\/2018\\\/11\\\/Mo\\u0300duls-prefabricats-05.jpg&quot;,&quot;title&quot;:&quot;Cerramientos exteriores para m\\u00f3dulos de casas prefabricadas&quot;},{&quot;src&quot;:&quot;https:\\\/\\\/www.garciafaura.com\\\/wp-content\\\/uploads\\\/2018\\\/11\\\/Mo\\u0300duls-prefabricats-04.jpg&quot;,&quot;title&quot;:&quot;Cerramientos exteriores para m\\u00f3dulos de casas prefabricadas&quot;},{&quot;src&quot;:&quot;https:\\\/\\\/www.garciafaura.com\\\/wp-content\\\/uploads\\\/2018\\\/11\\\/Mo\\u0300duls-prefabricats-03.jpg&quot;,&quot;title&quot;:&quot;Cerramientos exteriores para m\\u00f3dulos de casas prefabricadas&quot;},{&quot;src&quot;:&quot;https:\\\/\\\/www.garciafaura.com\\\/wp-content\\\/uploads\\\/2018\\\/11\\\/Mo\\u0300duls-prefabricats-02.jpg&quot;,&quot;title&quot;:&quot;Cerramientos exteriores para m\\u00f3dulos de casas prefabricadas&quot;}]\"><img loading=\"lazy\" decoding=\"async\" data-no-lazy=\"1\" class=\"portfolio-entry-img skip-lazy\" src=\"https:\/\/www.garciafaura.com\/wp-content\/uploads\/2018\/11\/Mo\u0300duls-prefabricats-03-600x314.jpg\" alt=\"Cerramientos Exteriores Para M\u00f3dulos De Casas Prefabricadas\" data-no-retina width=\"600\" height=\"314\" \/><\/a><\/div><div class=\"portfolio-entry-details entry-details wpex-clr\"><h2 class=\"portfolio-entry-title entry-title\"><a href=\"https:\/\/www.garciafaura.com\/es\/portfolio-item\/modulos-prefabricados\/\" title=\"M\u00f3dulos prefabricados\">M\u00f3dulos prefabricados<\/a><\/h2><div class=\"portfolio-entry-categories entry-categories wpex-clr\"><a href=\"https:\/\/www.garciafaura.com\/es\/portfolio-category\/residencial-es\/\" class=\"term-60\">Residencial<\/a><\/div><\/div><\/div><\/div><div class=\"portfolio-entry vcex-grid-item entry-has-details span_1_of_3 col col-1 vcex-isotope-entry vcex-no-margin-entry post-18106 entry type-portfolio has-media cat-60 translation_priority-6\"><div class=\"portfolio-entry-inner entry-inner wpex-clr\"><div class=\"portfolio-entry-media entry-media wpex-clr\"><a href=\"https:\/\/www.garciafaura.com\/wp-content\/uploads\/2018\/11\/Habitatge-carrer-Til\u00b7lers-02.jpg\" title=\"Vivienda calle Til\u00b7lers\" class=\"portfolio-entry-media-link wpex-lightbox-gallery\" data-gallery=\"[{&quot;src&quot;:&quot;https:\\\/\\\/www.garciafaura.com\\\/wp-content\\\/uploads\\\/2018\\\/11\\\/Habitatge-carrer-Til\\u00b7lers-01.jpg&quot;,&quot;title&quot;:&quot;Fachada y cerramientos en aluminio y vidrio&quot;},{&quot;src&quot;:&quot;https:\\\/\\\/www.garciafaura.com\\\/wp-content\\\/uploads\\\/2018\\\/11\\\/Habitatge-carrer-Til\\u00b7lers-08.jpg&quot;,&quot;title&quot;:&quot;Fachada y cerramientos en aluminio y vidrio&quot;},{&quot;src&quot;:&quot;https:\\\/\\\/www.garciafaura.com\\\/wp-content\\\/uploads\\\/2018\\\/11\\\/Habitatge-carrer-Til\\u00b7lers-07.jpg&quot;,&quot;title&quot;:&quot;Fachada y cerramientos en aluminio y vidrio&quot;},{&quot;src&quot;:&quot;https:\\\/\\\/www.garciafaura.com\\\/wp-content\\\/uploads\\\/2018\\\/11\\\/Habitatge-carrer-Til\\u00b7lers-06.jpg&quot;,&quot;title&quot;:&quot;Fachada y cerramientos en aluminio y vidrio&quot;},{&quot;src&quot;:&quot;https:\\\/\\\/www.garciafaura.com\\\/wp-content\\\/uploads\\\/2018\\\/11\\\/Habitatge-carrer-Til\\u00b7lers-05.jpg&quot;,&quot;title&quot;:&quot;Fachada y cerramientos en aluminio y vidrio&quot;},{&quot;src&quot;:&quot;https:\\\/\\\/www.garciafaura.com\\\/wp-content\\\/uploads\\\/2018\\\/11\\\/Habitatge-carrer-Til\\u00b7lers-04.jpg&quot;,&quot;title&quot;:&quot;Fachada y cerramientos en aluminio y vidrio&quot;},{&quot;src&quot;:&quot;https:\\\/\\\/www.garciafaura.com\\\/wp-content\\\/uploads\\\/2018\\\/11\\\/Habitatge-carrer-Til\\u00b7lers-03.jpg&quot;,&quot;title&quot;:&quot;Fachada y cerramientos en aluminio y vidrio&quot;},{&quot;src&quot;:&quot;https:\\\/\\\/www.garciafaura.com\\\/wp-content\\\/uploads\\\/2018\\\/11\\\/Habitatge-carrer-Til\\u00b7lers-02.jpg&quot;,&quot;title&quot;:&quot;Fachada y cerramientos en aluminio y vidrio&quot;}]\"><img decoding=\"async\" data-no-lazy=\"1\" class=\"portfolio-entry-img skip-lazy\" src=\"https:\/\/www.garciafaura.com\/wp-content\/uploads\/2018\/11\/Habitatge-carrer-Til\u00b7lers-02-x.jpg\" alt=\"Fachada Y Cerramientos En Aluminio Y Vidrio\" data-no-retina \/><\/a><\/div><div class=\"portfolio-entry-details entry-details wpex-clr\"><h2 class=\"portfolio-entry-title entry-title\"><a href=\"https:\/\/www.garciafaura.com\/es\/portfolio-item\/vivienda-calle-tillers\/\" title=\"Vivienda calle Til\u00b7lers\">Vivienda calle Til\u00b7lers<\/a><\/h2><div class=\"portfolio-entry-categories entry-categories wpex-clr\"><a href=\"https:\/\/www.garciafaura.com\/es\/portfolio-category\/residencial-es\/\" class=\"term-60\">Residencial<\/a><\/div><\/div><\/div><\/div><div class=\"portfolio-entry vcex-grid-item entry-has-details span_1_of_3 col col-2 vcex-isotope-entry vcex-no-margin-entry post-17969 entry type-portfolio has-media cat-60 translation_priority-6\"><div class=\"portfolio-entry-inner entry-inner wpex-clr\"><div class=\"portfolio-entry-media entry-media wpex-clr\"><a href=\"https:\/\/www.garciafaura.com\/wp-content\/uploads\/2018\/11\/Unifamiliar-Madrona-Badalona-05.jpg\" title=\"Unifamiliar Madrona\" class=\"portfolio-entry-media-link wpex-lightbox-gallery\" data-gallery=\"[{&quot;src&quot;:&quot;https:\\\/\\\/www.garciafaura.com\\\/wp-content\\\/uploads\\\/2018\\\/11\\\/Unifamiliar-Madrona-Badalona-01.jpg&quot;,&quot;title&quot;:&quot;Cerramientos de aluminio en vivienda situada en Badalona&quot;},{&quot;src&quot;:&quot;https:\\\/\\\/www.garciafaura.com\\\/wp-content\\\/uploads\\\/2018\\\/11\\\/Unifamiliar-Madrona-Badalona-06.jpg&quot;,&quot;title&quot;:&quot;Cerramientos de aluminio en vivienda situada en Badalona&quot;},{&quot;src&quot;:&quot;https:\\\/\\\/www.garciafaura.com\\\/wp-content\\\/uploads\\\/2018\\\/11\\\/Unifamiliar-Madrona-Badalona-05.jpg&quot;,&quot;title&quot;:&quot;Cerramientos de aluminio en vivienda situada en Badalona&quot;},{&quot;src&quot;:&quot;https:\\\/\\\/www.garciafaura.com\\\/wp-content\\\/uploads\\\/2018\\\/11\\\/Unifamiliar-Madrona-Badalona-04.jpg&quot;,&quot;title&quot;:&quot;Cerramientos de aluminio en vivienda situada en Badalona&quot;},{&quot;src&quot;:&quot;https:\\\/\\\/www.garciafaura.com\\\/wp-content\\\/uploads\\\/2018\\\/11\\\/Unifamiliar-Madrona-Badalona-03.jpg&quot;,&quot;title&quot;:&quot;Cerramientos de aluminio en vivienda situada en Badalona&quot;},{&quot;src&quot;:&quot;https:\\\/\\\/www.garciafaura.com\\\/wp-content\\\/uploads\\\/2018\\\/11\\\/Unifamiliar-Madrona-Badalona-02.jpg&quot;,&quot;title&quot;:&quot;Cerramientos de aluminio en vivienda situada en Badalona&quot;}]\"><img decoding=\"async\" data-no-lazy=\"1\" class=\"portfolio-entry-img skip-lazy\" src=\"https:\/\/www.garciafaura.com\/wp-content\/uploads\/2018\/11\/Unifamiliar-Madrona-Badalona-05-x.jpg\" alt=\"Cerramientos De Aluminio En Vivienda Situada En Badalona\" data-no-retina \/><\/a><\/div><div class=\"portfolio-entry-details entry-details wpex-clr\"><h2 class=\"portfolio-entry-title entry-title\"><a href=\"https:\/\/www.garciafaura.com\/es\/portfolio-item\/unifamiliar-madrona\/\" title=\"Unifamiliar Madrona\">Unifamiliar Madrona<\/a><\/h2><div class=\"portfolio-entry-categories entry-categories wpex-clr\"><a href=\"https:\/\/www.garciafaura.com\/es\/portfolio-category\/residencial-es\/\" class=\"term-60\">Residencial<\/a><\/div><\/div><\/div><\/div><div class=\"portfolio-entry vcex-grid-item entry-has-details span_1_of_3 col col-3 vcex-isotope-entry vcex-no-margin-entry post-17947 entry type-portfolio has-media cat-60 cat-61 translation_priority-6\"><div class=\"portfolio-entry-inner entry-inner wpex-clr\"><div class=\"portfolio-entry-media entry-media wpex-clr\"><a href=\"https:\/\/www.garciafaura.com\/wp-content\/uploads\/2018\/11\/Plurifamiliar-Castelldefels.jpg\" title=\"Plurifamiliar Castelldefels\" class=\"portfolio-entry-media-link wpex-lightbox-gallery\" data-gallery=\"[{&quot;src&quot;:&quot;https:\\\/\\\/www.garciafaura.com\\\/wp-content\\\/uploads\\\/2018\\\/11\\\/Plurifamiliar-Castelldefels.jpg&quot;,&quot;title&quot;:&quot;Trabajos de carpinter\\u00eda de aluminio y vidrio en vivienda residencial&quot;}]\"><img loading=\"lazy\" decoding=\"async\" data-no-lazy=\"1\" class=\"portfolio-entry-img skip-lazy\" src=\"https:\/\/www.garciafaura.com\/wp-content\/uploads\/2018\/11\/Plurifamiliar-Castelldefels-600x314.jpg\" alt=\"Trabajos De Carpinter\u00eda De Aluminio Y Vidrio En Vivienda Residencial\" data-no-retina width=\"600\" height=\"314\" \/><\/a><\/div><div class=\"portfolio-entry-details entry-details wpex-clr\"><h2 class=\"portfolio-entry-title entry-title\"><a href=\"https:\/\/www.garciafaura.com\/es\/portfolio-item\/plurifamiliar-castelldefels\/\" title=\"Plurifamiliar Castelldefels\">Plurifamiliar Castelldefels<\/a><\/h2><div class=\"portfolio-entry-categories entry-categories wpex-clr\"><a href=\"https:\/\/www.garciafaura.com\/es\/portfolio-category\/residencial-es\/\" class=\"term-60\">Residencial<\/a><\/div><\/div><\/div><\/div><div class=\"portfolio-entry vcex-grid-item entry-has-details span_1_of_3 col col-1 vcex-isotope-entry vcex-no-margin-entry post-17742 entry type-portfolio has-media cat-60 cat-61 translation_priority-6\"><div class=\"portfolio-entry-inner entry-inner wpex-clr\"><div class=\"portfolio-entry-media entry-media wpex-clr\"><a href=\"https:\/\/www.garciafaura.com\/wp-content\/uploads\/2018\/10\/Unifamiliar-Castelldefels-01.jpg\" title=\"Vivienda unifamiliar Castelldefels\" class=\"portfolio-entry-media-link wpex-lightbox-gallery\" data-gallery=\"[{&quot;src&quot;:&quot;https:\\\/\\\/www.garciafaura.com\\\/wp-content\\\/uploads\\\/2018\\\/10\\\/Unifamiliar-Castelldefels-01.jpg&quot;,&quot;title&quot;:&quot;Trabajos de carpinter\\u00eda de aluminio y vidrio en vivienda residencial&quot;},{&quot;src&quot;:&quot;https:\\\/\\\/www.garciafaura.com\\\/wp-content\\\/uploads\\\/2018\\\/10\\\/Unifamiliar-Castelldefels-07.jpg&quot;,&quot;title&quot;:&quot;Trabajos de carpinter\\u00eda de aluminio y vidrio en vivienda residencial&quot;},{&quot;src&quot;:&quot;https:\\\/\\\/www.garciafaura.com\\\/wp-content\\\/uploads\\\/2018\\\/10\\\/Unifamiliar-Castelldefels-06.jpg&quot;,&quot;title&quot;:&quot;Trabajos de carpinter\\u00eda de aluminio y vidrio en vivienda residencial&quot;},{&quot;src&quot;:&quot;https:\\\/\\\/www.garciafaura.com\\\/wp-content\\\/uploads\\\/2018\\\/10\\\/Unifamiliar-Castelldefels-05.jpg&quot;,&quot;title&quot;:&quot;Trabajos de carpinter\\u00eda de aluminio y vidrio en vivienda residencial&quot;},{&quot;src&quot;:&quot;https:\\\/\\\/www.garciafaura.com\\\/wp-content\\\/uploads\\\/2018\\\/10\\\/Unifamiliar-Castelldefels-04.jpg&quot;,&quot;title&quot;:&quot;Trabajos de carpinter\\u00eda de aluminio y vidrio en vivienda residencial&quot;},{&quot;src&quot;:&quot;https:\\\/\\\/www.garciafaura.com\\\/wp-content\\\/uploads\\\/2018\\\/10\\\/Unifamiliar-Castelldefels-03.jpg&quot;,&quot;title&quot;:&quot;Trabajos de carpinter\\u00eda de aluminio y vidrio en vivienda residencial&quot;},{&quot;src&quot;:&quot;https:\\\/\\\/www.garciafaura.com\\\/wp-content\\\/uploads\\\/2018\\\/10\\\/Unifamiliar-Castelldefels-02.jpg&quot;,&quot;title&quot;:&quot;Trabajos de carpinter\\u00eda de aluminio y vidrio en vivienda residencial&quot;}]\"><img loading=\"lazy\" decoding=\"async\" data-no-lazy=\"1\" class=\"portfolio-entry-img skip-lazy\" src=\"https:\/\/www.garciafaura.com\/wp-content\/uploads\/2018\/10\/Unifamiliar-Castelldefels-01-600x314.jpg\" alt=\"Trabajos De Carpinter\u00eda De Aluminio Y Vidrio En Vivienda Residencial\" data-no-retina width=\"600\" height=\"314\" \/><\/a><\/div><div class=\"portfolio-entry-details entry-details wpex-clr\"><h2 class=\"portfolio-entry-title entry-title\"><a href=\"https:\/\/www.garciafaura.com\/es\/portfolio-item\/vivienda-unifamiliar-castelldefels\/\" title=\"Vivienda unifamiliar Castelldefels\">Vivienda unifamiliar Castelldefels<\/a><\/h2><div class=\"portfolio-entry-categories entry-categories wpex-clr\"><a href=\"https:\/\/www.garciafaura.com\/es\/portfolio-category\/residencial-es\/\" class=\"term-60\">Residencial<\/a><\/div><\/div><\/div><\/div><div class=\"portfolio-entry vcex-grid-item entry-has-details span_1_of_3 col col-2 vcex-isotope-entry vcex-no-margin-entry post-17739 entry type-portfolio has-media cat-60 cat-61 translation_priority-6\"><div class=\"portfolio-entry-inner entry-inner wpex-clr\"><div class=\"portfolio-entry-media entry-media wpex-clr\"><a href=\"https:\/\/www.garciafaura.com\/wp-content\/uploads\/2018\/10\/Habitatge-Can-Vinyes-Castelldefels-06.jpg\" title=\"Vivienda Can Vinyes\" class=\"portfolio-entry-media-link wpex-lightbox-gallery\" data-gallery=\"[{&quot;src&quot;:&quot;https:\\\/\\\/www.garciafaura.com\\\/wp-content\\\/uploads\\\/2018\\\/10\\\/Habitatge-Can-Vinyes-Castelldefels-01.jpg&quot;,&quot;title&quot;:&quot;Cerramientos de aluminio y vidrio en vivienda unifamiliar en Castelldefels&quot;},{&quot;src&quot;:&quot;https:\\\/\\\/www.garciafaura.com\\\/wp-content\\\/uploads\\\/2018\\\/10\\\/Habitatge-Can-Vinyes-Castelldefels-16.jpg&quot;,&quot;title&quot;:&quot;Cerramientos de aluminio y vidrio en vivienda unifamiliar en Castelldefels&quot;},{&quot;src&quot;:&quot;https:\\\/\\\/www.garciafaura.com\\\/wp-content\\\/uploads\\\/2018\\\/10\\\/Habitatge-Can-Vinyes-Castelldefels-15.jpg&quot;,&quot;title&quot;:&quot;Cerramientos de aluminio y vidrio en vivienda unifamiliar en Castelldefels&quot;},{&quot;src&quot;:&quot;https:\\\/\\\/www.garciafaura.com\\\/wp-content\\\/uploads\\\/2018\\\/10\\\/Habitatge-Can-Vinyes-Castelldefels-14.jpg&quot;,&quot;title&quot;:&quot;Cerramientos de aluminio y vidrio en vivienda unifamiliar en Castelldefels&quot;},{&quot;src&quot;:&quot;https:\\\/\\\/www.garciafaura.com\\\/wp-content\\\/uploads\\\/2018\\\/10\\\/Habitatge-Can-Vinyes-Castelldefels-13.jpg&quot;,&quot;title&quot;:&quot;Cerramientos de aluminio y vidrio en vivienda unifamiliar en Castelldefels&quot;},{&quot;src&quot;:&quot;https:\\\/\\\/www.garciafaura.com\\\/wp-content\\\/uploads\\\/2018\\\/10\\\/Habitatge-Can-Vinyes-Castelldefels-12.jpg&quot;,&quot;title&quot;:&quot;Cerramientos de aluminio y vidrio en vivienda unifamiliar en Castelldefels&quot;},{&quot;src&quot;:&quot;https:\\\/\\\/www.garciafaura.com\\\/wp-content\\\/uploads\\\/2018\\\/10\\\/Habitatge-Can-Vinyes-Castelldefels-11.jpg&quot;,&quot;title&quot;:&quot;Cerramientos de aluminio y vidrio en vivienda unifamiliar en Castelldefels&quot;},{&quot;src&quot;:&quot;https:\\\/\\\/www.garciafaura.com\\\/wp-content\\\/uploads\\\/2018\\\/10\\\/Habitatge-Can-Vinyes-Castelldefels-10.jpg&quot;,&quot;title&quot;:&quot;Cerramientos de aluminio y vidrio en vivienda unifamiliar en Castelldefels&quot;},{&quot;src&quot;:&quot;https:\\\/\\\/www.garciafaura.com\\\/wp-content\\\/uploads\\\/2018\\\/10\\\/Habitatge-Can-Vinyes-Castelldefels-09.jpg&quot;,&quot;title&quot;:&quot;Cerramientos de aluminio y vidrio en vivienda unifamiliar en Castelldefels&quot;},{&quot;src&quot;:&quot;https:\\\/\\\/www.garciafaura.com\\\/wp-content\\\/uploads\\\/2018\\\/10\\\/Habitatge-Can-Vinyes-Castelldefels-08.jpg&quot;,&quot;title&quot;:&quot;Cerramientos de aluminio y vidrio en vivienda unifamiliar en Castelldefels&quot;},{&quot;src&quot;:&quot;https:\\\/\\\/www.garciafaura.com\\\/wp-content\\\/uploads\\\/2018\\\/10\\\/Habitatge-Can-Vinyes-Castelldefels-07.jpg&quot;,&quot;title&quot;:&quot;Cerramientos de aluminio y vidrio en vivienda unifamiliar en Castelldefels&quot;},{&quot;src&quot;:&quot;https:\\\/\\\/www.garciafaura.com\\\/wp-content\\\/uploads\\\/2018\\\/10\\\/Habitatge-Can-Vinyes-Castelldefels-06.jpg&quot;,&quot;title&quot;:&quot;Cerramientos de aluminio y vidrio en vivienda unifamiliar en Castelldefels&quot;},{&quot;src&quot;:&quot;https:\\\/\\\/www.garciafaura.com\\\/wp-content\\\/uploads\\\/2018\\\/10\\\/Habitatge-Can-Vinyes-Castelldefels-05.jpg&quot;,&quot;title&quot;:&quot;Cerramientos de aluminio y vidrio en vivienda unifamiliar en Castelldefels&quot;},{&quot;src&quot;:&quot;https:\\\/\\\/www.garciafaura.com\\\/wp-content\\\/uploads\\\/2018\\\/10\\\/Habitatge-Can-Vinyes-Castelldefels-04.jpg&quot;,&quot;title&quot;:&quot;Cerramientos de aluminio y vidrio en vivienda unifamiliar en Castelldefels&quot;},{&quot;src&quot;:&quot;https:\\\/\\\/www.garciafaura.com\\\/wp-content\\\/uploads\\\/2018\\\/10\\\/Habitatge-Can-Vinyes-Castelldefels-03.jpg&quot;,&quot;title&quot;:&quot;Cerramientos de aluminio y vidrio en vivienda unifamiliar en Castelldefels&quot;},{&quot;src&quot;:&quot;https:\\\/\\\/www.garciafaura.com\\\/wp-content\\\/uploads\\\/2018\\\/10\\\/Habitatge-Can-Vinyes-Castelldefels-02.jpg&quot;,&quot;title&quot;:&quot;Cerramientos de aluminio y vidrio en vivienda unifamiliar en Castelldefels&quot;}]\"><img loading=\"lazy\" decoding=\"async\" data-no-lazy=\"1\" class=\"portfolio-entry-img skip-lazy\" src=\"https:\/\/www.garciafaura.com\/wp-content\/uploads\/2018\/10\/Habitatge-Can-Vinyes-Castelldefels-06-600x314.jpg\" alt=\"Cerramientos De Aluminio Y Vidrio En Vivienda Unifamiliar En Castelldefels\" data-no-retina width=\"600\" height=\"314\" \/><\/a><\/div><div class=\"portfolio-entry-details entry-details wpex-clr\"><h2 class=\"portfolio-entry-title entry-title\"><a href=\"https:\/\/www.garciafaura.com\/es\/portfolio-item\/vivienda-can-vinyes\/\" title=\"Vivienda Can Vinyes\">Vivienda Can Vinyes<\/a><\/h2><div class=\"portfolio-entry-categories entry-categories wpex-clr\"><a href=\"https:\/\/www.garciafaura.com\/es\/portfolio-category\/residencial-es\/\" class=\"term-60\">Residencial<\/a><\/div><\/div><\/div><\/div><div class=\"portfolio-entry vcex-grid-item entry-has-details span_1_of_3 col col-3 vcex-isotope-entry vcex-no-margin-entry post-17732 entry type-portfolio has-media cat-60 cat-61 translation_priority-6\"><div class=\"portfolio-entry-inner entry-inner wpex-clr\"><div class=\"portfolio-entry-media entry-media wpex-clr\"><a href=\"https:\/\/www.garciafaura.com\/wp-content\/uploads\/2018\/10\/Casa-Shafer-01.jpg\" title=\"Casa Bellavista\" class=\"portfolio-entry-media-link wpex-lightbox-gallery\" data-gallery=\"[{&quot;src&quot;:&quot;https:\\\/\\\/www.garciafaura.com\\\/wp-content\\\/uploads\\\/2018\\\/10\\\/Casa-Shafer-01.jpg&quot;,&quot;title&quot;:&quot;Carpinter\\u00eda de aluminio y vidrio en vivienda exclusiva en Castelldefels&quot;},{&quot;src&quot;:&quot;https:\\\/\\\/www.garciafaura.com\\\/wp-content\\\/uploads\\\/2018\\\/10\\\/Casa-Shafer-32.jpg&quot;,&quot;title&quot;:&quot;Carpinter\\u00eda de aluminio y vidrio en vivienda exclusiva en Castelldefels&quot;},{&quot;src&quot;:&quot;https:\\\/\\\/www.garciafaura.com\\\/wp-content\\\/uploads\\\/2018\\\/10\\\/Casa-Shafer-31.jpg&quot;,&quot;title&quot;:&quot;Carpinter\\u00eda de aluminio y vidrio en vivienda exclusiva en Castelldefels&quot;},{&quot;src&quot;:&quot;https:\\\/\\\/www.garciafaura.com\\\/wp-content\\\/uploads\\\/2018\\\/10\\\/Casa-Shafer-30.jpg&quot;,&quot;title&quot;:&quot;Carpinter\\u00eda de aluminio y vidrio en vivienda exclusiva en Castelldefels&quot;},{&quot;src&quot;:&quot;https:\\\/\\\/www.garciafaura.com\\\/wp-content\\\/uploads\\\/2018\\\/10\\\/Casa-Shafer-29.jpg&quot;,&quot;title&quot;:&quot;Carpinter\\u00eda de aluminio y vidrio en vivienda exclusiva en Castelldefels&quot;},{&quot;src&quot;:&quot;https:\\\/\\\/www.garciafaura.com\\\/wp-content\\\/uploads\\\/2018\\\/10\\\/Casa-Shafer-28.jpg&quot;,&quot;title&quot;:&quot;Carpinter\\u00eda de aluminio y vidrio en vivienda exclusiva en Castelldefels&quot;},{&quot;src&quot;:&quot;https:\\\/\\\/www.garciafaura.com\\\/wp-content\\\/uploads\\\/2018\\\/10\\\/Casa-Shafer-27.jpg&quot;,&quot;title&quot;:&quot;Carpinter\\u00eda de aluminio y vidrio en vivienda exclusiva en Castelldefels&quot;},{&quot;src&quot;:&quot;https:\\\/\\\/www.garciafaura.com\\\/wp-content\\\/uploads\\\/2018\\\/10\\\/Casa-Shafer-26.jpg&quot;,&quot;title&quot;:&quot;Carpinter\\u00eda de aluminio y vidrio en vivienda exclusiva en Castelldefels&quot;},{&quot;src&quot;:&quot;https:\\\/\\\/www.garciafaura.com\\\/wp-content\\\/uploads\\\/2018\\\/10\\\/Casa-Shafer-25.jpg&quot;,&quot;title&quot;:&quot;Carpinter\\u00eda de aluminio y vidrio en vivienda exclusiva en Castelldefels&quot;},{&quot;src&quot;:&quot;https:\\\/\\\/www.garciafaura.com\\\/wp-content\\\/uploads\\\/2018\\\/10\\\/Casa-Shafer-24.jpg&quot;,&quot;title&quot;:&quot;Carpinter\\u00eda de aluminio y vidrio en vivienda exclusiva en Castelldefels&quot;},{&quot;src&quot;:&quot;https:\\\/\\\/www.garciafaura.com\\\/wp-content\\\/uploads\\\/2018\\\/10\\\/Casa-Shafer-23.jpg&quot;,&quot;title&quot;:&quot;Carpinter\\u00eda de aluminio y vidrio en vivienda exclusiva en Castelldefels&quot;},{&quot;src&quot;:&quot;https:\\\/\\\/www.garciafaura.com\\\/wp-content\\\/uploads\\\/2018\\\/10\\\/Casa-Shafer-22.jpg&quot;,&quot;title&quot;:&quot;Carpinter\\u00eda de aluminio y vidrio en vivienda exclusiva en Castelldefels&quot;},{&quot;src&quot;:&quot;https:\\\/\\\/www.garciafaura.com\\\/wp-content\\\/uploads\\\/2018\\\/10\\\/Casa-Shafer-21.jpg&quot;,&quot;title&quot;:&quot;Carpinter\\u00eda de aluminio y vidrio en vivienda exclusiva en Castelldefels&quot;},{&quot;src&quot;:&quot;https:\\\/\\\/www.garciafaura.com\\\/wp-content\\\/uploads\\\/2018\\\/10\\\/Casa-Shafer-20.jpg&quot;,&quot;title&quot;:&quot;Carpinter\\u00eda de aluminio y vidrio en vivienda exclusiva en Castelldefels&quot;},{&quot;src&quot;:&quot;https:\\\/\\\/www.garciafaura.com\\\/wp-content\\\/uploads\\\/2018\\\/10\\\/Casa-Shafer-19.jpg&quot;,&quot;title&quot;:&quot;Carpinter\\u00eda de aluminio y vidrio en vivienda exclusiva en Castelldefels&quot;},{&quot;src&quot;:&quot;https:\\\/\\\/www.garciafaura.com\\\/wp-content\\\/uploads\\\/2018\\\/10\\\/Casa-Shafer-18.jpg&quot;,&quot;title&quot;:&quot;Carpinter\\u00eda de aluminio y vidrio en vivienda exclusiva en Castelldefels&quot;},{&quot;src&quot;:&quot;https:\\\/\\\/www.garciafaura.com\\\/wp-content\\\/uploads\\\/2018\\\/10\\\/Casa-Shafer-17.jpg&quot;,&quot;title&quot;:&quot;Carpinter\\u00eda de aluminio y vidrio en vivienda exclusiva en Castelldefels&quot;},{&quot;src&quot;:&quot;https:\\\/\\\/www.garciafaura.com\\\/wp-content\\\/uploads\\\/2018\\\/10\\\/Casa-Shafer-16.jpg&quot;,&quot;title&quot;:&quot;Carpinter\\u00eda de aluminio y vidrio en vivienda exclusiva en Castelldefels&quot;},{&quot;src&quot;:&quot;https:\\\/\\\/www.garciafaura.com\\\/wp-content\\\/uploads\\\/2018\\\/10\\\/Casa-Shafer-15.jpg&quot;,&quot;title&quot;:&quot;Carpinter\\u00eda de aluminio y vidrio en vivienda exclusiva en Castelldefels&quot;},{&quot;src&quot;:&quot;https:\\\/\\\/www.garciafaura.com\\\/wp-content\\\/uploads\\\/2018\\\/10\\\/Casa-Shafer-14.jpg&quot;,&quot;title&quot;:&quot;Carpinter\\u00eda de aluminio y vidrio en vivienda exclusiva en Castelldefels&quot;},{&quot;src&quot;:&quot;https:\\\/\\\/www.garciafaura.com\\\/wp-content\\\/uploads\\\/2018\\\/10\\\/Casa-Shafer-13.jpg&quot;,&quot;title&quot;:&quot;Carpinter\\u00eda de aluminio y vidrio en vivienda exclusiva en Castelldefels&quot;},{&quot;src&quot;:&quot;https:\\\/\\\/www.garciafaura.com\\\/wp-content\\\/uploads\\\/2018\\\/10\\\/Casa-Shafer-12.jpg&quot;,&quot;title&quot;:&quot;Carpinter\\u00eda de aluminio y vidrio en vivienda exclusiva en Castelldefels&quot;},{&quot;src&quot;:&quot;https:\\\/\\\/www.garciafaura.com\\\/wp-content\\\/uploads\\\/2018\\\/10\\\/Casa-Shafer-11.jpg&quot;,&quot;title&quot;:&quot;Carpinter\\u00eda de aluminio y vidrio en vivienda exclusiva en Castelldefels&quot;},{&quot;src&quot;:&quot;https:\\\/\\\/www.garciafaura.com\\\/wp-content\\\/uploads\\\/2018\\\/10\\\/Casa-Shafer-10.jpg&quot;,&quot;title&quot;:&quot;Carpinter\\u00eda de aluminio y vidrio en vivienda exclusiva en Castelldefels&quot;},{&quot;src&quot;:&quot;https:\\\/\\\/www.garciafaura.com\\\/wp-content\\\/uploads\\\/2018\\\/10\\\/Casa-Shafer-09.jpg&quot;,&quot;title&quot;:&quot;Carpinter\\u00eda de aluminio y vidrio en vivienda exclusiva en Castelldefels&quot;},{&quot;src&quot;:&quot;https:\\\/\\\/www.garciafaura.com\\\/wp-content\\\/uploads\\\/2018\\\/10\\\/Casa-Shafer-08.jpg&quot;,&quot;title&quot;:&quot;Carpinter\\u00eda de aluminio y vidrio en vivienda exclusiva en Castelldefels&quot;},{&quot;src&quot;:&quot;https:\\\/\\\/www.garciafaura.com\\\/wp-content\\\/uploads\\\/2018\\\/10\\\/Casa-Shafer-07.jpg&quot;,&quot;title&quot;:&quot;Carpinter\\u00eda de aluminio y vidrio en vivienda exclusiva en Castelldefels&quot;},{&quot;src&quot;:&quot;https:\\\/\\\/www.garciafaura.com\\\/wp-content\\\/uploads\\\/2018\\\/10\\\/Casa-Shafer-06.jpg&quot;,&quot;title&quot;:&quot;Carpinter\\u00eda de aluminio y vidrio en vivienda exclusiva en Castelldefels&quot;},{&quot;src&quot;:&quot;https:\\\/\\\/www.garciafaura.com\\\/wp-content\\\/uploads\\\/2018\\\/10\\\/Casa-Shafer-05.jpg&quot;,&quot;title&quot;:&quot;Carpinter\\u00eda de aluminio y vidrio en vivienda exclusiva en Castelldefels&quot;},{&quot;src&quot;:&quot;https:\\\/\\\/www.garciafaura.com\\\/wp-content\\\/uploads\\\/2018\\\/10\\\/Casa-Shafer-04.jpg&quot;,&quot;title&quot;:&quot;Carpinter\\u00eda de aluminio y vidrio en vivienda exclusiva en Castelldefels&quot;},{&quot;src&quot;:&quot;https:\\\/\\\/www.garciafaura.com\\\/wp-content\\\/uploads\\\/2018\\\/10\\\/Casa-Shafer-03.jpg&quot;,&quot;title&quot;:&quot;Carpinter\\u00eda de aluminio y vidrio en vivienda exclusiva en Castelldefels&quot;},{&quot;src&quot;:&quot;https:\\\/\\\/www.garciafaura.com\\\/wp-content\\\/uploads\\\/2018\\\/10\\\/Casa-Shafer-02.jpg&quot;,&quot;title&quot;:&quot;Carpinter\\u00eda de aluminio y vidrio en vivienda exclusiva en Castelldefels&quot;}]\"><img loading=\"lazy\" decoding=\"async\" data-no-lazy=\"1\" class=\"portfolio-entry-img skip-lazy\" src=\"https:\/\/www.garciafaura.com\/wp-content\/uploads\/2018\/10\/Casa-Shafer-01-600x314.jpg\" alt=\"Carpinter\u00eda De Aluminio Y Vidrio En Vivienda Exclusiva En Castelldefels\" data-no-retina width=\"600\" height=\"314\" \/><\/a><\/div><div class=\"portfolio-entry-details entry-details wpex-clr\"><h2 class=\"portfolio-entry-title entry-title\"><a href=\"https:\/\/www.garciafaura.com\/es\/portfolio-item\/casa-shafer\/\" title=\"Casa Bellavista\">Casa Bellavista<\/a><\/h2><div class=\"portfolio-entry-categories entry-categories wpex-clr\"><a href=\"https:\/\/www.garciafaura.com\/es\/portfolio-category\/residencial-es\/\" class=\"term-60\">Residencial<\/a><\/div><\/div><\/div><\/div><div class=\"portfolio-entry vcex-grid-item entry-has-details span_1_of_3 col col-1 vcex-isotope-entry vcex-no-margin-entry post-17712 entry type-portfolio has-media cat-60 cat-61 translation_priority-6\"><div class=\"portfolio-entry-inner entry-inner wpex-clr\"><div class=\"portfolio-entry-media entry-media wpex-clr\"><a href=\"https:\/\/www.garciafaura.com\/wp-content\/uploads\/2018\/09\/Unifamiliar-Begues-16.jpg\" title=\"Unifamiliar Begues\" class=\"portfolio-entry-media-link wpex-lightbox-gallery\" data-gallery=\"[{&quot;src&quot;:&quot;https:\\\/\\\/www.garciafaura.com\\\/wp-content\\\/uploads\\\/2018\\\/09\\\/Unifamiliar-Begues-01.jpg&quot;,&quot;title&quot;:&quot;Trabajos de carpinter\\u00eda de aluminio y vidrio en vivienda residencial en Begues.&quot;},{&quot;src&quot;:&quot;https:\\\/\\\/www.garciafaura.com\\\/wp-content\\\/uploads\\\/2018\\\/09\\\/Unifamiliar-Begues-16.jpg&quot;,&quot;title&quot;:&quot;Trabajos de carpinter\\u00eda de aluminio y vidrio en vivienda residencial en Begues.&quot;},{&quot;src&quot;:&quot;https:\\\/\\\/www.garciafaura.com\\\/wp-content\\\/uploads\\\/2018\\\/09\\\/Unifamiliar-Begues-15.jpg&quot;,&quot;title&quot;:&quot;Trabajos de carpinter\\u00eda de aluminio y vidrio en vivienda residencial en Begues.&quot;},{&quot;src&quot;:&quot;https:\\\/\\\/www.garciafaura.com\\\/wp-content\\\/uploads\\\/2018\\\/09\\\/Unifamiliar-Begues-13.jpg&quot;,&quot;title&quot;:&quot;Trabajos de carpinter\\u00eda de aluminio y vidrio en vivienda residencial en Begues.&quot;},{&quot;src&quot;:&quot;https:\\\/\\\/www.garciafaura.com\\\/wp-content\\\/uploads\\\/2018\\\/09\\\/Unifamiliar-Begues-14.jpg&quot;,&quot;title&quot;:&quot;Trabajos de carpinter\\u00eda de aluminio y vidrio en vivienda residencial en Begues.&quot;},{&quot;src&quot;:&quot;https:\\\/\\\/www.garciafaura.com\\\/wp-content\\\/uploads\\\/2018\\\/09\\\/Unifamiliar-Begues-12.jpg&quot;,&quot;title&quot;:&quot;Trabajos de carpinter\\u00eda de aluminio y vidrio en vivienda residencial en Begues.&quot;},{&quot;src&quot;:&quot;https:\\\/\\\/www.garciafaura.com\\\/wp-content\\\/uploads\\\/2018\\\/09\\\/Unifamiliar-Begues-11.jpg&quot;,&quot;title&quot;:&quot;Trabajos de carpinter\\u00eda de aluminio y vidrio en vivienda residencial en Begues.&quot;},{&quot;src&quot;:&quot;https:\\\/\\\/www.garciafaura.com\\\/wp-content\\\/uploads\\\/2018\\\/09\\\/Unifamiliar-Begues-10.jpg&quot;,&quot;title&quot;:&quot;Trabajos de carpinter\\u00eda de aluminio y vidrio en vivienda residencial en Begues.&quot;},{&quot;src&quot;:&quot;https:\\\/\\\/www.garciafaura.com\\\/wp-content\\\/uploads\\\/2018\\\/09\\\/Unifamiliar-Begues-09.jpg&quot;,&quot;title&quot;:&quot;Trabajos de carpinter\\u00eda de aluminio y vidrio en vivienda residencial en Begues.&quot;},{&quot;src&quot;:&quot;https:\\\/\\\/www.garciafaura.com\\\/wp-content\\\/uploads\\\/2018\\\/09\\\/Unifamiliar-Begues-08.jpg&quot;,&quot;title&quot;:&quot;Trabajos de carpinter\\u00eda de aluminio y vidrio en vivienda residencial en Begues.&quot;},{&quot;src&quot;:&quot;https:\\\/\\\/www.garciafaura.com\\\/wp-content\\\/uploads\\\/2018\\\/09\\\/Unifamiliar-Begues-07.jpg&quot;,&quot;title&quot;:&quot;Trabajos de carpinter\\u00eda de aluminio y vidrio en vivienda residencial en Begues.&quot;},{&quot;src&quot;:&quot;https:\\\/\\\/www.garciafaura.com\\\/wp-content\\\/uploads\\\/2018\\\/09\\\/Unifamiliar-Begues-06.jpg&quot;,&quot;title&quot;:&quot;Trabajos de carpinter\\u00eda de aluminio y vidrio en vivienda residencial en Begues.&quot;},{&quot;src&quot;:&quot;https:\\\/\\\/www.garciafaura.com\\\/wp-content\\\/uploads\\\/2018\\\/09\\\/Unifamiliar-Begues-05.jpg&quot;,&quot;title&quot;:&quot;Trabajos de carpinter\\u00eda de aluminio y vidrio en vivienda residencial en Begues.&quot;},{&quot;src&quot;:&quot;https:\\\/\\\/www.garciafaura.com\\\/wp-content\\\/uploads\\\/2018\\\/09\\\/Unifamiliar-Begues-04.jpg&quot;,&quot;title&quot;:&quot;Trabajos de carpinter\\u00eda de aluminio y vidrio en vivienda residencial en Begues.&quot;},{&quot;src&quot;:&quot;https:\\\/\\\/www.garciafaura.com\\\/wp-content\\\/uploads\\\/2018\\\/09\\\/Unifamiliar-Begues-03.jpg&quot;,&quot;title&quot;:&quot;Trabajos de carpinter\\u00eda de aluminio y vidrio en vivienda residencial en Begues.&quot;},{&quot;src&quot;:&quot;https:\\\/\\\/www.garciafaura.com\\\/wp-content\\\/uploads\\\/2018\\\/09\\\/Unifamiliar-Begues-02.jpg&quot;,&quot;title&quot;:&quot;Trabajos de carpinter\\u00eda de aluminio y vidrio en vivienda residencial en Begues.&quot;}]\"><img loading=\"lazy\" decoding=\"async\" data-no-lazy=\"1\" class=\"portfolio-entry-img skip-lazy\" src=\"https:\/\/www.garciafaura.com\/wp-content\/uploads\/2018\/09\/Unifamiliar-Begues-16-600x314.jpg\" alt=\"Trabajos De Carpinter\u00eda De Aluminio Y Vidrio En Vivienda Residencial En Begues.\" data-no-retina width=\"600\" height=\"314\" \/><\/a><\/div><div class=\"portfolio-entry-details entry-details wpex-clr\"><h2 class=\"portfolio-entry-title entry-title\"><a href=\"https:\/\/www.garciafaura.com\/es\/portfolio-item\/unifamiliar-begues\/\" title=\"Unifamiliar Begues\">Unifamiliar Begues<\/a><\/h2><div class=\"portfolio-entry-categories entry-categories wpex-clr\"><a href=\"https:\/\/www.garciafaura.com\/es\/portfolio-category\/residencial-es\/\" class=\"term-60\">Residencial<\/a><\/div><\/div><\/div><\/div><div class=\"portfolio-entry vcex-grid-item entry-has-details span_1_of_3 col col-2 vcex-isotope-entry vcex-no-margin-entry post-17488 entry type-portfolio has-media cat-60 cat-61 translation_priority-6\"><div class=\"portfolio-entry-inner entry-inner wpex-clr\"><div class=\"portfolio-entry-media entry-media wpex-clr\"><a href=\"https:\/\/www.garciafaura.com\/wp-content\/uploads\/2019\/01\/IMG_9212.jpg\" title=\"Gav\u00e0 Bonavista Beach\" class=\"portfolio-entry-media-link wpex-lightbox-gallery\" data-gallery=\"[{&quot;src&quot;:&quot;https:\\\/\\\/www.garciafaura.com\\\/wp-content\\\/uploads\\\/2019\\\/01\\\/IMG_9212.jpg&quot;,&quot;title&quot;:&quot;Cerramientos de aluminio y vidrio para 12 casas unifamiliares en Gav\\u00e0&quot;},{&quot;src&quot;:&quot;https:\\\/\\\/www.garciafaura.com\\\/wp-content\\\/uploads\\\/2019\\\/01\\\/IMG_9202.jpg&quot;,&quot;title&quot;:&quot;Cerramientos de aluminio y vidrio para 12 casas unifamiliares en Gav\\u00e0&quot;},{&quot;src&quot;:&quot;https:\\\/\\\/www.garciafaura.com\\\/wp-content\\\/uploads\\\/2019\\\/01\\\/IMG_9203.jpg&quot;,&quot;title&quot;:&quot;Cerramientos de aluminio y vidrio para 12 casas unifamiliares en Gav\\u00e0&quot;},{&quot;src&quot;:&quot;https:\\\/\\\/www.garciafaura.com\\\/wp-content\\\/uploads\\\/2019\\\/01\\\/IMG_9204.jpg&quot;,&quot;title&quot;:&quot;Cerramientos de aluminio y vidrio para 12 casas unifamiliares en Gav\\u00e0&quot;},{&quot;src&quot;:&quot;https:\\\/\\\/www.garciafaura.com\\\/wp-content\\\/uploads\\\/2019\\\/01\\\/IMG_9207.jpg&quot;,&quot;title&quot;:&quot;Cerramientos de aluminio y vidrio para 12 casas unifamiliares en Gav\\u00e0&quot;},{&quot;src&quot;:&quot;https:\\\/\\\/www.garciafaura.com\\\/wp-content\\\/uploads\\\/2019\\\/01\\\/IMG_9209.jpg&quot;,&quot;title&quot;:&quot;Cerramientos de aluminio y vidrio para 12 casas unifamiliares en Gav\\u00e0&quot;},{&quot;src&quot;:&quot;https:\\\/\\\/www.garciafaura.com\\\/wp-content\\\/uploads\\\/2019\\\/01\\\/IMG_9211.jpg&quot;,&quot;title&quot;:&quot;Cerramientos de aluminio y vidrio para 12 casas unifamiliares en Gav\\u00e0&quot;},{&quot;src&quot;:&quot;https:\\\/\\\/www.garciafaura.com\\\/wp-content\\\/uploads\\\/2019\\\/01\\\/IMG_9214.jpg&quot;,&quot;title&quot;:&quot;Cerramientos de aluminio y vidrio para 12 casas unifamiliares en Gav\\u00e0&quot;},{&quot;src&quot;:&quot;https:\\\/\\\/www.garciafaura.com\\\/wp-content\\\/uploads\\\/2019\\\/01\\\/IMG_9197.jpg&quot;,&quot;title&quot;:&quot;Cerramientos de aluminio y vidrio para 12 casas unifamiliares en Gav\\u00e0&quot;}]\"><img loading=\"lazy\" decoding=\"async\" data-no-lazy=\"1\" class=\"portfolio-entry-img skip-lazy\" src=\"https:\/\/www.garciafaura.com\/wp-content\/uploads\/2019\/01\/IMG_9212-600x314.jpg\" alt=\"Cerramientos De Aluminio Y Vidrio Para 12 Casas Unifamiliares En Gav\u00e0\" data-no-retina width=\"600\" height=\"314\" \/><\/a><\/div><div class=\"portfolio-entry-details entry-details wpex-clr\"><h2 class=\"portfolio-entry-title entry-title\"><a href=\"https:\/\/www.garciafaura.com\/es\/portfolio-item\/gava-bonavista-beach\/\" title=\"Gav\u00e0 Bonavista Beach\">Gav\u00e0 Bonavista Beach<\/a><\/h2><div class=\"portfolio-entry-categories entry-categories wpex-clr\"><a href=\"https:\/\/www.garciafaura.com\/es\/portfolio-category\/residencial-es\/\" class=\"term-60\">Residencial<\/a><\/div><\/div><\/div><\/div><\/div><\/div>[\/vc_column][\/vc_row]\n<\/div>","protected":false},"excerpt":{"rendered":"<p>[vc_row full_width=\u00bbstretch_row\u00bb wpex_bg_overlay=\u00bbcolor\u00bb wpex_bg_overlay_color=\u00bb#d9d9d9&#8243; wpex_bg_overlay_opacity=\u00bb0.85&#8243;][vc_column width=\u00bb1\/3&#8243;][vc_column_text]En GARCIA FAURA les ofrecemos una amplia gama de productos adaptados a las necesidades particulares. Con nosotros podr\u00e1 vestir su nuevo hogar, o renovar su vivienda. Cambiar las ventanas le ayudar\u00e1 a darle un nuevo&hellip;<\/p>\n","protected":false},"author":3,"featured_media":0,"parent":0,"menu_order":0,"comment_status":"closed","ping_status":"closed","template":"","meta":{"footnotes":""},"class_list":["post-17221","page","type-page","status-publish","hentry","entry","no-media"],"yoast_head":"<!-- This site is optimized with the Yoast SEO plugin v26.7 - https:\/\/yoast.com\/wordpress\/plugins\/seo\/ -->\n<title>Divisi\u00f3n Residencial - GARCIA FAURA<\/title>\n<meta name=\"description\" content=\"Arquitectura en Alumini, Inox, Ferro i Vidre\" \/>\n<meta name=\"robots\" content=\"index, follow, max-snippet:-1, max-image-preview:large, max-video-preview:-1\" \/>\n<link rel=\"canonical\" href=\"https:\/\/www.garciafaura.com\/es\/division-residencial\/\" \/>\n<meta property=\"og:locale\" content=\"es_ES\" \/>\n<meta property=\"og:type\" content=\"article\" \/>\n<meta property=\"og:title\" content=\"Divisi\u00f3n Residencial - GARCIA FAURA\" \/>\n<meta property=\"og:description\" content=\"Arquitectura en Alumini, Inox, Ferro i Vidre\" \/>\n<meta property=\"og:url\" content=\"https:\/\/www.garciafaura.com\/es\/division-residencial\/\" \/>\n<meta property=\"og:site_name\" content=\"GARCIA FAURA\" \/>\n<meta property=\"article:modified_time\" content=\"2026-03-03T15:37:19+00:00\" \/>\n<meta name=\"twitter:card\" content=\"summary_large_image\" \/>\n<meta name=\"twitter:label1\" content=\"Tiempo de lectura\" \/>\n\t<meta name=\"twitter:data1\" content=\"1 minuto\" \/>\n<script type=\"application\/ld+json\" class=\"yoast-schema-graph\">{\"@context\":\"https:\/\/schema.org\",\"@graph\":[{\"@type\":\"WebPage\",\"@id\":\"https:\/\/www.garciafaura.com\/es\/division-residencial\/\",\"url\":\"https:\/\/www.garciafaura.com\/es\/division-residencial\/\",\"name\":\"Divisi\u00f3n Residencial - GARCIA FAURA\",\"isPartOf\":{\"@id\":\"https:\/\/www.garciafaura.com\/fr\/#website\"},\"datePublished\":\"2019-02-21T18:17:02+00:00\",\"dateModified\":\"2026-03-03T15:37:19+00:00\",\"description\":\"Arquitectura en Alumini, Inox, Ferro i Vidre\",\"breadcrumb\":{\"@id\":\"https:\/\/www.garciafaura.com\/es\/division-residencial\/#breadcrumb\"},\"inLanguage\":\"es\",\"potentialAction\":[{\"@type\":\"ReadAction\",\"target\":[\"https:\/\/www.garciafaura.com\/es\/division-residencial\/\"]}]},{\"@type\":\"BreadcrumbList\",\"@id\":\"https:\/\/www.garciafaura.com\/es\/division-residencial\/#breadcrumb\",\"itemListElement\":[{\"@type\":\"ListItem\",\"position\":1,\"name\":\"Inici\",\"item\":\"https:\/\/www.garciafaura.com\/es\/\"},{\"@type\":\"ListItem\",\"position\":2,\"name\":\"Divisi\u00f3n Residencial\"}]},{\"@type\":\"WebSite\",\"@id\":\"https:\/\/www.garciafaura.com\/fr\/#website\",\"url\":\"https:\/\/www.garciafaura.com\/fr\/\",\"name\":\"GARCIA FAURA\",\"description\":\"Arquitectura en Alumini, Inox, Ferro i Vidre\",\"publisher\":{\"@id\":\"https:\/\/www.garciafaura.com\/fr\/#organization\"},\"potentialAction\":[{\"@type\":\"SearchAction\",\"target\":{\"@type\":\"EntryPoint\",\"urlTemplate\":\"https:\/\/www.garciafaura.com\/fr\/?s={search_term_string}\"},\"query-input\":{\"@type\":\"PropertyValueSpecification\",\"valueRequired\":true,\"valueName\":\"search_term_string\"}}],\"inLanguage\":\"es\"},{\"@type\":\"Organization\",\"@id\":\"https:\/\/www.garciafaura.com\/fr\/#organization\",\"name\":\"GARCIA FAURA\",\"url\":\"https:\/\/www.garciafaura.com\/fr\/\",\"logo\":{\"@type\":\"ImageObject\",\"inLanguage\":\"es\",\"@id\":\"https:\/\/www.garciafaura.com\/fr\/#\/schema\/logo\/image\/\",\"url\":\"https:\/\/www.garciafaura.com\/wp-content\/uploads\/2018\/09\/Garcia-Faura.png\",\"contentUrl\":\"https:\/\/www.garciafaura.com\/wp-content\/uploads\/2018\/09\/Garcia-Faura.png\",\"width\":512,\"height\":512,\"caption\":\"GARCIA FAURA\"},\"image\":{\"@id\":\"https:\/\/www.garciafaura.com\/fr\/#\/schema\/logo\/image\/\"},\"sameAs\":[\"https:\/\/www.youtube.com\/user\/GARCIAFAURA\"]}]}<\/script>\n<!-- \/ Yoast SEO plugin. -->","yoast_head_json":{"title":"Divisi\u00f3n Residencial - GARCIA FAURA","description":"Arquitectura en Alumini, Inox, Ferro i Vidre","robots":{"index":"index","follow":"follow","max-snippet":"max-snippet:-1","max-image-preview":"max-image-preview:large","max-video-preview":"max-video-preview:-1"},"canonical":"https:\/\/www.garciafaura.com\/es\/division-residencial\/","og_locale":"es_ES","og_type":"article","og_title":"Divisi\u00f3n Residencial - GARCIA FAURA","og_description":"Arquitectura en Alumini, Inox, Ferro i Vidre","og_url":"https:\/\/www.garciafaura.com\/es\/division-residencial\/","og_site_name":"GARCIA FAURA","article_modified_time":"2026-03-03T15:37:19+00:00","twitter_card":"summary_large_image","twitter_misc":{"Tiempo de lectura":"1 minuto"},"schema":{"@context":"https:\/\/schema.org","@graph":[{"@type":"WebPage","@id":"https:\/\/www.garciafaura.com\/es\/division-residencial\/","url":"https:\/\/www.garciafaura.com\/es\/division-residencial\/","name":"Divisi\u00f3n Residencial - GARCIA FAURA","isPartOf":{"@id":"https:\/\/www.garciafaura.com\/fr\/#website"},"datePublished":"2019-02-21T18:17:02+00:00","dateModified":"2026-03-03T15:37:19+00:00","description":"Arquitectura en Alumini, Inox, Ferro i Vidre","breadcrumb":{"@id":"https:\/\/www.garciafaura.com\/es\/division-residencial\/#breadcrumb"},"inLanguage":"es","potentialAction":[{"@type":"ReadAction","target":["https:\/\/www.garciafaura.com\/es\/division-residencial\/"]}]},{"@type":"BreadcrumbList","@id":"https:\/\/www.garciafaura.com\/es\/division-residencial\/#breadcrumb","itemListElement":[{"@type":"ListItem","position":1,"name":"Inici","item":"https:\/\/www.garciafaura.com\/es\/"},{"@type":"ListItem","position":2,"name":"Divisi\u00f3n Residencial"}]},{"@type":"WebSite","@id":"https:\/\/www.garciafaura.com\/fr\/#website","url":"https:\/\/www.garciafaura.com\/fr\/","name":"GARCIA FAURA","description":"Arquitectura en Alumini, Inox, Ferro i Vidre","publisher":{"@id":"https:\/\/www.garciafaura.com\/fr\/#organization"},"potentialAction":[{"@type":"SearchAction","target":{"@type":"EntryPoint","urlTemplate":"https:\/\/www.garciafaura.com\/fr\/?s={search_term_string}"},"query-input":{"@type":"PropertyValueSpecification","valueRequired":true,"valueName":"search_term_string"}}],"inLanguage":"es"},{"@type":"Organization","@id":"https:\/\/www.garciafaura.com\/fr\/#organization","name":"GARCIA FAURA","url":"https:\/\/www.garciafaura.com\/fr\/","logo":{"@type":"ImageObject","inLanguage":"es","@id":"https:\/\/www.garciafaura.com\/fr\/#\/schema\/logo\/image\/","url":"https:\/\/www.garciafaura.com\/wp-content\/uploads\/2018\/09\/Garcia-Faura.png","contentUrl":"https:\/\/www.garciafaura.com\/wp-content\/uploads\/2018\/09\/Garcia-Faura.png","width":512,"height":512,"caption":"GARCIA FAURA"},"image":{"@id":"https:\/\/www.garciafaura.com\/fr\/#\/schema\/logo\/image\/"},"sameAs":["https:\/\/www.youtube.com\/user\/GARCIAFAURA"]}]}},"_links":{"self":[{"href":"https:\/\/www.garciafaura.com\/es\/wp-json\/wp\/v2\/pages\/17221","targetHints":{"allow":["GET"]}}],"collection":[{"href":"https:\/\/www.garciafaura.com\/es\/wp-json\/wp\/v2\/pages"}],"about":[{"href":"https:\/\/www.garciafaura.com\/es\/wp-json\/wp\/v2\/types\/page"}],"author":[{"embeddable":true,"href":"https:\/\/www.garciafaura.com\/es\/wp-json\/wp\/v2\/users\/3"}],"replies":[{"embeddable":true,"href":"https:\/\/www.garciafaura.com\/es\/wp-json\/wp\/v2\/comments?post=17221"}],"version-history":[{"count":11,"href":"https:\/\/www.garciafaura.com\/es\/wp-json\/wp\/v2\/pages\/17221\/revisions"}],"predecessor-version":[{"id":42032,"href":"https:\/\/www.garciafaura.com\/es\/wp-json\/wp\/v2\/pages\/17221\/revisions\/42032"}],"wp:attachment":[{"href":"https:\/\/www.garciafaura.com\/es\/wp-json\/wp\/v2\/media?parent=17221"}],"curies":[{"name":"wp","href":"https:\/\/api.w.org\/{rel}","templated":true}]}}