{"id":17217,"date":"2019-02-21T18:09:46","date_gmt":"2019-02-21T18:09:46","guid":{"rendered":"https:\/\/www.garciafaura.com\/division-de-postventa\/"},"modified":"2023-05-22T12:25:10","modified_gmt":"2023-05-22T10:25:10","slug":"division-de-postventa","status":"publish","type":"page","link":"https:\/\/www.garciafaura.com\/es\/division-de-postventa\/","title":{"rendered":"Divisi\u00f3n de Postventa"},"content":{"rendered":"<div class=\"wpb-content-wrapper\">[vc_row full_width=\u00bbstretch_row\u00bb content_placement=\u00bbmiddle\u00bb typography_style=\u00bbwhite\u00bb wpex_bg_overlay=\u00bbcolor\u00bb wpex_bg_overlay_color=\u00bb#000000&#8243; wpex_bg_overlay_opacity=\u00bb0.85&#8243;][vc_column width=\u00bb1\/2&#8243;]<div class=\"vcex-spacing\" style=\"height:30px\"><\/div>[vc_column_text]<span style=\"font-family: 'Open Sans'; font-size: 18px;\">Nuestra relaci\u00f3n con el cliente no termina una vez finalizados los trabajos encargados. Garantizamos la m\u00e1xima satisfacci\u00f3n con los servicios y productos a lo largo del per\u00edodo de validez de la garant\u00eda y m\u00e1s all\u00e1.<\/span><\/p>\n<p><span style=\"font-family: 'Open Sans'; font-size: 18px;\">Es por eso que disponemos de un <strong>servicio postventa cualificado que es altamente valorado por sus usuarios<\/strong>. Un equipo de profesionales con amplia experiencia en el sector, dispuestos a encontrar la soluci\u00f3n a cualquier problema y a trabajar arduamente en beneficio del bienestar y la comodidad del usuario final.<\/span><\/p>\n<p><span style=\"font-family: 'Open Sans'; font-size: 18px;\"><strong>Porque los destinatarios de nuestro trabajo son, m\u00e1s que clientes, personas.<\/strong> <\/span>[\/vc_column_text]<div class=\"vcex-spacing\" style=\"height:30px\"><\/div><div class=\"textcenter theme-button-expanded-wrap theme-button-wrap clr\"><a href=\"https:\/\/www.garciafaura.com\/wp-content\/uploads\/2019\/03\/ConsellsManteniment.pdf\" class=\"vcex-button theme-button large align-center expanded animate-on-hover expanded\" style=\"background:#d7515e;\"><span class=\"theme-button-inner\">Gu\u00eda de mantenimiento para cerramientos de aluminio<\/span><\/a><\/div> [\/vc_column][vc_column width=\u00bb1\/2&#8243;]<div class=\"vcex-spacing\" style=\"height:30px\"><\/div><h2 class=\"vcex-module vcex-heading vcex-heading-bottom-border-w-color\" style=\"color:#ffffff;\"><span class=\"vcex-heading-inner clr\" style=\"border-color:#d7515e;\">Los compromisos de GARCIA FAURA<\/span><\/h2><div class=\"vcex-spacing\" style=\"height:15px\"><\/div>[vc_column_text]\n<ul>\n<li><span style=\"font-family: 'Open Sans'; font-size: 18px;\">Garantizamos la correcta funcionalidad y durabilidad de todo lo que fabricamos e instalamos.<\/span><\/li>\n<li><span style=\"font-family: 'Open Sans'; font-size: 18px;\">A pesar de no tener un servicio de urgencias, trabajamos con plazos de atenci\u00f3n competitivos.<\/span><\/li>\n<li><span style=\"font-family: 'Open Sans'; font-size: 18px;\">Contamos con un equipo tecnificado y formado en las principales perfiler\u00edas del mercado.<\/span><\/li>\n<li><span style=\"font-family: 'Open Sans'; font-size: 18px;\">Modificamos, reparamos o reemplazamos cerramientos fabricados o instalados por terceros.<\/span><\/li>\n<li><span style=\"font-family: 'Open Sans'; font-size: 18px;\">Disponemos de un amplio stock de accesorios y mecanismos de repuesto que agilizan los tiempos de reparaci\u00f3n.<\/span><\/li>\n<li><span style=\"font-family: 'Open Sans'; font-size: 18px;\">Asesoramos sobre c\u00f3mo aprovechar al m\u00e1ximo los cerramientos existentes.<\/span><\/li>\n<\/ul>\n[\/vc_column_text]<div class=\"vcex-spacing\" style=\"height:30px\"><\/div><div class=\"textcenter theme-button-expanded-wrap theme-button-wrap clr\"><a href=\"mailto:avisos@garciafaura.com\" title=\"Contacta amb Postvenda\" class=\"vcex-button theme-button large align-center expanded animate-on-hover expanded\" target=\"_blank\" style=\"background:#d7515e;\"><span class=\"theme-button-inner\">Contacta con Postventa<\/span><\/a><\/div> [\/vc_column][\/vc_row]\n<\/div>","protected":false},"excerpt":{"rendered":"<p>[vc_row full_width=\u00bbstretch_row\u00bb content_placement=\u00bbmiddle\u00bb typography_style=\u00bbwhite\u00bb wpex_bg_overlay=\u00bbcolor\u00bb wpex_bg_overlay_color=\u00bb#000000&#8243; wpex_bg_overlay_opacity=\u00bb0.85&#8243;][vc_column width=\u00bb1\/2&#8243;][vc_column_text]Nuestra relaci\u00f3n con el cliente no termina una vez finalizados los trabajos encargados. Garantizamos la m\u00e1xima satisfacci\u00f3n con los servicios y productos a lo largo del per\u00edodo de validez de la garant\u00eda y&hellip;<\/p>\n","protected":false},"author":3,"featured_media":0,"parent":0,"menu_order":0,"comment_status":"closed","ping_status":"closed","template":"","meta":{"footnotes":""},"class_list":["post-17217","page","type-page","status-publish","hentry","entry","no-media"],"yoast_head":"<!-- This site is optimized with the Yoast SEO plugin v26.7 - https:\/\/yoast.com\/wordpress\/plugins\/seo\/ -->\n<title>Divisi\u00f3n de Postventa - GARCIA FAURA<\/title>\n<meta name=\"description\" content=\"Arquitectura en Alumini, Inox, Ferro i Vidre\" \/>\n<meta name=\"robots\" content=\"index, follow, max-snippet:-1, max-image-preview:large, max-video-preview:-1\" \/>\n<link rel=\"canonical\" href=\"https:\/\/www.garciafaura.com\/es\/division-de-postventa\/\" \/>\n<meta property=\"og:locale\" content=\"es_ES\" \/>\n<meta property=\"og:type\" content=\"article\" \/>\n<meta property=\"og:title\" content=\"Divisi\u00f3n de Postventa - GARCIA FAURA\" \/>\n<meta property=\"og:description\" content=\"Arquitectura en Alumini, Inox, Ferro i Vidre\" \/>\n<meta property=\"og:url\" content=\"https:\/\/www.garciafaura.com\/es\/division-de-postventa\/\" \/>\n<meta property=\"og:site_name\" content=\"GARCIA FAURA\" \/>\n<meta property=\"article:modified_time\" content=\"2023-05-22T10:25:10+00:00\" \/>\n<meta name=\"twitter:card\" content=\"summary_large_image\" \/>\n<meta name=\"twitter:label1\" content=\"Tiempo de lectura\" \/>\n\t<meta name=\"twitter:data1\" content=\"2 minutos\" \/>\n<script type=\"application\/ld+json\" class=\"yoast-schema-graph\">{\"@context\":\"https:\/\/schema.org\",\"@graph\":[{\"@type\":\"WebPage\",\"@id\":\"https:\/\/www.garciafaura.com\/es\/division-de-postventa\/\",\"url\":\"https:\/\/www.garciafaura.com\/es\/division-de-postventa\/\",\"name\":\"Divisi\u00f3n de Postventa - GARCIA FAURA\",\"isPartOf\":{\"@id\":\"https:\/\/www.garciafaura.com\/fr\/#website\"},\"datePublished\":\"2019-02-21T18:09:46+00:00\",\"dateModified\":\"2023-05-22T10:25:10+00:00\",\"description\":\"Arquitectura en Alumini, Inox, Ferro i Vidre\",\"breadcrumb\":{\"@id\":\"https:\/\/www.garciafaura.com\/es\/division-de-postventa\/#breadcrumb\"},\"inLanguage\":\"es\",\"potentialAction\":[{\"@type\":\"ReadAction\",\"target\":[\"https:\/\/www.garciafaura.com\/es\/division-de-postventa\/\"]}]},{\"@type\":\"BreadcrumbList\",\"@id\":\"https:\/\/www.garciafaura.com\/es\/division-de-postventa\/#breadcrumb\",\"itemListElement\":[{\"@type\":\"ListItem\",\"position\":1,\"name\":\"Inici\",\"item\":\"https:\/\/www.garciafaura.com\/es\/\"},{\"@type\":\"ListItem\",\"position\":2,\"name\":\"Divisi\u00f3n de Postventa\"}]},{\"@type\":\"WebSite\",\"@id\":\"https:\/\/www.garciafaura.com\/fr\/#website\",\"url\":\"https:\/\/www.garciafaura.com\/fr\/\",\"name\":\"GARCIA FAURA\",\"description\":\"Arquitectura en Alumini, Inox, Ferro i Vidre\",\"publisher\":{\"@id\":\"https:\/\/www.garciafaura.com\/fr\/#organization\"},\"potentialAction\":[{\"@type\":\"SearchAction\",\"target\":{\"@type\":\"EntryPoint\",\"urlTemplate\":\"https:\/\/www.garciafaura.com\/fr\/?s={search_term_string}\"},\"query-input\":{\"@type\":\"PropertyValueSpecification\",\"valueRequired\":true,\"valueName\":\"search_term_string\"}}],\"inLanguage\":\"es\"},{\"@type\":\"Organization\",\"@id\":\"https:\/\/www.garciafaura.com\/fr\/#organization\",\"name\":\"GARCIA FAURA\",\"url\":\"https:\/\/www.garciafaura.com\/fr\/\",\"logo\":{\"@type\":\"ImageObject\",\"inLanguage\":\"es\",\"@id\":\"https:\/\/www.garciafaura.com\/fr\/#\/schema\/logo\/image\/\",\"url\":\"https:\/\/www.garciafaura.com\/wp-content\/uploads\/2018\/09\/Garcia-Faura.png\",\"contentUrl\":\"https:\/\/www.garciafaura.com\/wp-content\/uploads\/2018\/09\/Garcia-Faura.png\",\"width\":512,\"height\":512,\"caption\":\"GARCIA FAURA\"},\"image\":{\"@id\":\"https:\/\/www.garciafaura.com\/fr\/#\/schema\/logo\/image\/\"},\"sameAs\":[\"https:\/\/www.youtube.com\/user\/GARCIAFAURA\"]}]}<\/script>\n<!-- \/ Yoast SEO plugin. -->","yoast_head_json":{"title":"Divisi\u00f3n de Postventa - GARCIA FAURA","description":"Arquitectura en Alumini, Inox, Ferro i Vidre","robots":{"index":"index","follow":"follow","max-snippet":"max-snippet:-1","max-image-preview":"max-image-preview:large","max-video-preview":"max-video-preview:-1"},"canonical":"https:\/\/www.garciafaura.com\/es\/division-de-postventa\/","og_locale":"es_ES","og_type":"article","og_title":"Divisi\u00f3n de Postventa - GARCIA FAURA","og_description":"Arquitectura en Alumini, Inox, Ferro i Vidre","og_url":"https:\/\/www.garciafaura.com\/es\/division-de-postventa\/","og_site_name":"GARCIA FAURA","article_modified_time":"2023-05-22T10:25:10+00:00","twitter_card":"summary_large_image","twitter_misc":{"Tiempo de lectura":"2 minutos"},"schema":{"@context":"https:\/\/schema.org","@graph":[{"@type":"WebPage","@id":"https:\/\/www.garciafaura.com\/es\/division-de-postventa\/","url":"https:\/\/www.garciafaura.com\/es\/division-de-postventa\/","name":"Divisi\u00f3n de Postventa - GARCIA FAURA","isPartOf":{"@id":"https:\/\/www.garciafaura.com\/fr\/#website"},"datePublished":"2019-02-21T18:09:46+00:00","dateModified":"2023-05-22T10:25:10+00:00","description":"Arquitectura en Alumini, Inox, Ferro i Vidre","breadcrumb":{"@id":"https:\/\/www.garciafaura.com\/es\/division-de-postventa\/#breadcrumb"},"inLanguage":"es","potentialAction":[{"@type":"ReadAction","target":["https:\/\/www.garciafaura.com\/es\/division-de-postventa\/"]}]},{"@type":"BreadcrumbList","@id":"https:\/\/www.garciafaura.com\/es\/division-de-postventa\/#breadcrumb","itemListElement":[{"@type":"ListItem","position":1,"name":"Inici","item":"https:\/\/www.garciafaura.com\/es\/"},{"@type":"ListItem","position":2,"name":"Divisi\u00f3n de Postventa"}]},{"@type":"WebSite","@id":"https:\/\/www.garciafaura.com\/fr\/#website","url":"https:\/\/www.garciafaura.com\/fr\/","name":"GARCIA FAURA","description":"Arquitectura en Alumini, Inox, Ferro i Vidre","publisher":{"@id":"https:\/\/www.garciafaura.com\/fr\/#organization"},"potentialAction":[{"@type":"SearchAction","target":{"@type":"EntryPoint","urlTemplate":"https:\/\/www.garciafaura.com\/fr\/?s={search_term_string}"},"query-input":{"@type":"PropertyValueSpecification","valueRequired":true,"valueName":"search_term_string"}}],"inLanguage":"es"},{"@type":"Organization","@id":"https:\/\/www.garciafaura.com\/fr\/#organization","name":"GARCIA FAURA","url":"https:\/\/www.garciafaura.com\/fr\/","logo":{"@type":"ImageObject","inLanguage":"es","@id":"https:\/\/www.garciafaura.com\/fr\/#\/schema\/logo\/image\/","url":"https:\/\/www.garciafaura.com\/wp-content\/uploads\/2018\/09\/Garcia-Faura.png","contentUrl":"https:\/\/www.garciafaura.com\/wp-content\/uploads\/2018\/09\/Garcia-Faura.png","width":512,"height":512,"caption":"GARCIA FAURA"},"image":{"@id":"https:\/\/www.garciafaura.com\/fr\/#\/schema\/logo\/image\/"},"sameAs":["https:\/\/www.youtube.com\/user\/GARCIAFAURA"]}]}},"_links":{"self":[{"href":"https:\/\/www.garciafaura.com\/es\/wp-json\/wp\/v2\/pages\/17217","targetHints":{"allow":["GET"]}}],"collection":[{"href":"https:\/\/www.garciafaura.com\/es\/wp-json\/wp\/v2\/pages"}],"about":[{"href":"https:\/\/www.garciafaura.com\/es\/wp-json\/wp\/v2\/types\/page"}],"author":[{"embeddable":true,"href":"https:\/\/www.garciafaura.com\/es\/wp-json\/wp\/v2\/users\/3"}],"replies":[{"embeddable":true,"href":"https:\/\/www.garciafaura.com\/es\/wp-json\/wp\/v2\/comments?post=17217"}],"version-history":[{"count":13,"href":"https:\/\/www.garciafaura.com\/es\/wp-json\/wp\/v2\/pages\/17217\/revisions"}],"predecessor-version":[{"id":32116,"href":"https:\/\/www.garciafaura.com\/es\/wp-json\/wp\/v2\/pages\/17217\/revisions\/32116"}],"wp:attachment":[{"href":"https:\/\/www.garciafaura.com\/es\/wp-json\/wp\/v2\/media?parent=17217"}],"curies":[{"name":"wp","href":"https:\/\/api.w.org\/{rel}","templated":true}]}}