{"id":17211,"date":"2019-02-21T18:00:39","date_gmt":"2019-02-21T18:00:39","guid":{"rendered":"https:\/\/www.garciafaura.com\/complejos-residenciales-ejecutados-por-garcia-faura\/"},"modified":"2021-08-02T12:15:43","modified_gmt":"2021-08-02T10:15:43","slug":"complejos-residenciales-ejecutados-por-garcia-faura","status":"publish","type":"page","link":"https:\/\/www.garciafaura.com\/es\/complejos-residenciales-ejecutados-por-garcia-faura\/","title":{"rendered":"Complejos residenciales ejecutados por GARCIA FAURA"},"content":{"rendered":"<div class=\"wpb-content-wrapper\">[vc_row full_width=\u00bbstretch_row\u00bb wpex_bg_overlay=\u00bbcolor\u00bb wpex_bg_overlay_color=\u00bb#d9d9d9&#8243; wpex_bg_overlay_opacity=\u00bb0.85&#8243;][vc_column]<div class=\"vcex-spacing\" style=\"height:30px\"><\/div>[vc_column_text]<span style=\"font-family: 'Open Sans'; font-size: 18px;\">Comodidad y bienestar al servicio del uso residencial. Cerramientos de aluminio y vidrio con altas prestaciones t\u00e9rmicas y ac\u00fasticas, dise\u00f1ados para convertir su vivienda en un hogar. <strong>GARCIA FAURA<\/strong> tiene una experiencia de d\u00e9cadas en el servicio de construcci\u00f3n de complejos residenciales.<\/span>[\/vc_column_text][\/vc_column][\/vc_row][vc_row][vc_column width=\u00bb1\/2&#8243;][\/vc_column][vc_column width=\u00bb1\/2&#8243;]<div class=\"vcex-spacing\" style=\"height:30px\"><\/div><div class=\"vcex-module vcex-searchbar clr\"><form method=\"get\" class=\"vcex-searchbar-form\" action=\"https:\/\/www.garciafaura.com\/es\/\"><input type=\"search\" class=\"vcex-searchbar-input \" name=\"s\" placeholder=\"B\u00fasqueda\" \/><input type=\"hidden\" name=\"post_type\" value=\"portfolio\"><input type=\"hidden\" name=\"lang\" value=\"ca\"><button class=\"vcex-searchbar-button\" style=\"background:#d7515e;text-transform:none;font-weight:200;\">B\u00fasqueda de proyectos<\/button><\/form><\/div>[\/vc_column][\/vc_row][vc_row full_width=\u00bbstretch_row\u00bb][vc_column]<div class=\"vcex-module vcex-portfolio-grid-wrap wpex-clr\"><div class=\"wpex-row vcex-portfolio-grid wpex-clr entries vcex-isotope-grid vcex-no-margin-grid\" data-show_title=\"false\"><div class=\"portfolio-entry vcex-grid-item entry-has-details span_1_of_3 col col-1 vcex-isotope-entry vcex-no-margin-entry post-39244 entry type-portfolio has-media cat-46 translation_priority-6\"><div class=\"portfolio-entry-inner entry-inner wpex-clr\"><div class=\"portfolio-entry-media entry-media wpex-clr\"><a href=\"https:\/\/www.garciafaura.com\/wp-content\/uploads\/2025\/04\/Habitatges-Bon-Pastor-23.jpg\" title=\"Viviendas Bon Pastor\" class=\"portfolio-entry-media-link wpex-lightbox-gallery\" data-gallery=\"[{&quot;src&quot;:&quot;https:\\\/\\\/www.garciafaura.com\\\/wp-content\\\/uploads\\\/2025\\\/04\\\/Habitatges-Bon-Pastor-23.jpg&quot;},{&quot;src&quot;:&quot;https:\\\/\\\/www.garciafaura.com\\\/wp-content\\\/uploads\\\/2025\\\/04\\\/Habitatges-Bon-Pastor-01.jpg&quot;},{&quot;src&quot;:&quot;https:\\\/\\\/www.garciafaura.com\\\/wp-content\\\/uploads\\\/2025\\\/04\\\/Habitatges-Bon-Pastor-24.jpg&quot;},{&quot;src&quot;:&quot;https:\\\/\\\/www.garciafaura.com\\\/wp-content\\\/uploads\\\/2025\\\/04\\\/Habitatges-Bon-Pastor-22.jpg&quot;},{&quot;src&quot;:&quot;https:\\\/\\\/www.garciafaura.com\\\/wp-content\\\/uploads\\\/2025\\\/04\\\/Habitatges-Bon-Pastor-21.jpg&quot;},{&quot;src&quot;:&quot;https:\\\/\\\/www.garciafaura.com\\\/wp-content\\\/uploads\\\/2025\\\/04\\\/Habitatges-Bon-Pastor-20.jpg&quot;},{&quot;src&quot;:&quot;https:\\\/\\\/www.garciafaura.com\\\/wp-content\\\/uploads\\\/2025\\\/04\\\/Habitatges-Bon-Pastor-19.jpg&quot;},{&quot;src&quot;:&quot;https:\\\/\\\/www.garciafaura.com\\\/wp-content\\\/uploads\\\/2025\\\/04\\\/Habitatges-Bon-Pastor-18.jpg&quot;},{&quot;src&quot;:&quot;https:\\\/\\\/www.garciafaura.com\\\/wp-content\\\/uploads\\\/2025\\\/04\\\/Habitatges-Bon-Pastor-17.jpg&quot;},{&quot;src&quot;:&quot;https:\\\/\\\/www.garciafaura.com\\\/wp-content\\\/uploads\\\/2025\\\/04\\\/Habitatges-Bon-Pastor-16.jpg&quot;},{&quot;src&quot;:&quot;https:\\\/\\\/www.garciafaura.com\\\/wp-content\\\/uploads\\\/2025\\\/04\\\/Habitatges-Bon-Pastor-15.jpg&quot;},{&quot;src&quot;:&quot;https:\\\/\\\/www.garciafaura.com\\\/wp-content\\\/uploads\\\/2025\\\/04\\\/Habitatges-Bon-Pastor-14.jpg&quot;},{&quot;src&quot;:&quot;https:\\\/\\\/www.garciafaura.com\\\/wp-content\\\/uploads\\\/2025\\\/04\\\/Habitatges-Bon-Pastor-13.jpg&quot;},{&quot;src&quot;:&quot;https:\\\/\\\/www.garciafaura.com\\\/wp-content\\\/uploads\\\/2025\\\/04\\\/Habitatges-Bon-Pastor-12.jpg&quot;},{&quot;src&quot;:&quot;https:\\\/\\\/www.garciafaura.com\\\/wp-content\\\/uploads\\\/2025\\\/04\\\/Habitatges-Bon-Pastor-11.jpg&quot;},{&quot;src&quot;:&quot;https:\\\/\\\/www.garciafaura.com\\\/wp-content\\\/uploads\\\/2025\\\/04\\\/Habitatges-Bon-Pastor-10.jpg&quot;},{&quot;src&quot;:&quot;https:\\\/\\\/www.garciafaura.com\\\/wp-content\\\/uploads\\\/2025\\\/04\\\/Habitatges-Bon-Pastor-09.jpg&quot;},{&quot;src&quot;:&quot;https:\\\/\\\/www.garciafaura.com\\\/wp-content\\\/uploads\\\/2025\\\/04\\\/Habitatges-Bon-Pastor-08.jpg&quot;},{&quot;src&quot;:&quot;https:\\\/\\\/www.garciafaura.com\\\/wp-content\\\/uploads\\\/2025\\\/04\\\/Habitatges-Bon-Pastor-07.jpg&quot;},{&quot;src&quot;:&quot;https:\\\/\\\/www.garciafaura.com\\\/wp-content\\\/uploads\\\/2025\\\/04\\\/Habitatges-Bon-Pastor-06.jpg&quot;},{&quot;src&quot;:&quot;https:\\\/\\\/www.garciafaura.com\\\/wp-content\\\/uploads\\\/2025\\\/04\\\/Habitatges-Bon-Pastor-05.jpg&quot;},{&quot;src&quot;:&quot;https:\\\/\\\/www.garciafaura.com\\\/wp-content\\\/uploads\\\/2025\\\/04\\\/Habitatges-Bon-Pastor-04.jpg&quot;},{&quot;src&quot;:&quot;https:\\\/\\\/www.garciafaura.com\\\/wp-content\\\/uploads\\\/2025\\\/04\\\/Habitatges-Bon-Pastor-03.jpg&quot;},{&quot;src&quot;:&quot;https:\\\/\\\/www.garciafaura.com\\\/wp-content\\\/uploads\\\/2025\\\/04\\\/Habitatges-Bon-Pastor-02.jpg&quot;}]\"><img loading=\"lazy\" decoding=\"async\" data-no-lazy=\"1\" class=\"portfolio-entry-img skip-lazy\" src=\"https:\/\/www.garciafaura.com\/wp-content\/uploads\/2025\/04\/Habitatges-Bon-Pastor-23-600x314.jpg\" alt='' data-no-retina width=\"600\" height=\"314\" \/><\/a><\/div><div class=\"portfolio-entry-details entry-details wpex-clr\"><h2 class=\"portfolio-entry-title entry-title\"><a href=\"https:\/\/www.garciafaura.com\/es\/portfolio-item\/habitatges-bon-pastor\/\" title=\"Viviendas Bon Pastor\">Viviendas Bon Pastor<\/a><\/h2><div class=\"portfolio-entry-categories entry-categories wpex-clr\"><a href=\"https:\/\/www.garciafaura.com\/es\/portfolio-category\/conjuntos-residenciales\/\" class=\"term-46\">Conjuntos residenciales<\/a><\/div><\/div><\/div><\/div><div class=\"portfolio-entry vcex-grid-item entry-has-details span_1_of_3 col col-2 vcex-isotope-entry vcex-no-margin-entry post-39136 entry type-portfolio has-media cat-46 translation_priority-6\"><div class=\"portfolio-entry-inner entry-inner wpex-clr\"><div class=\"portfolio-entry-media entry-media wpex-clr\"><a href=\"https:\/\/www.garciafaura.com\/wp-content\/uploads\/2025\/04\/Habitatges-Jonquera-Poblenou-30.jpg\" title=\"Viviendas Jonquera Barcelona\" class=\"portfolio-entry-media-link wpex-lightbox-gallery\" data-gallery=\"[{&quot;src&quot;:&quot;https:\\\/\\\/www.garciafaura.com\\\/wp-content\\\/uploads\\\/2025\\\/04\\\/Habitatges-Jonquera-Poblenou-01.jpg&quot;},{&quot;src&quot;:&quot;https:\\\/\\\/www.garciafaura.com\\\/wp-content\\\/uploads\\\/2025\\\/04\\\/Habitatges-Jonquera-Poblenou-29.jpg&quot;},{&quot;src&quot;:&quot;https:\\\/\\\/www.garciafaura.com\\\/wp-content\\\/uploads\\\/2025\\\/04\\\/Habitatges-Jonquera-Poblenou-28.jpg&quot;},{&quot;src&quot;:&quot;https:\\\/\\\/www.garciafaura.com\\\/wp-content\\\/uploads\\\/2025\\\/04\\\/Habitatges-Jonquera-Poblenou-27.jpg&quot;},{&quot;src&quot;:&quot;https:\\\/\\\/www.garciafaura.com\\\/wp-content\\\/uploads\\\/2025\\\/04\\\/Habitatges-Jonquera-Poblenou-26.jpg&quot;},{&quot;src&quot;:&quot;https:\\\/\\\/www.garciafaura.com\\\/wp-content\\\/uploads\\\/2025\\\/04\\\/Habitatges-Jonquera-Poblenou-25.jpg&quot;},{&quot;src&quot;:&quot;https:\\\/\\\/www.garciafaura.com\\\/wp-content\\\/uploads\\\/2025\\\/04\\\/Habitatges-Jonquera-Poblenou-24.jpg&quot;},{&quot;src&quot;:&quot;https:\\\/\\\/www.garciafaura.com\\\/wp-content\\\/uploads\\\/2025\\\/04\\\/Habitatges-Jonquera-Poblenou-23.jpg&quot;},{&quot;src&quot;:&quot;https:\\\/\\\/www.garciafaura.com\\\/wp-content\\\/uploads\\\/2025\\\/04\\\/Habitatges-Jonquera-Poblenou-22.jpg&quot;},{&quot;src&quot;:&quot;https:\\\/\\\/www.garciafaura.com\\\/wp-content\\\/uploads\\\/2025\\\/04\\\/Habitatges-Jonquera-Poblenou-21.jpg&quot;},{&quot;src&quot;:&quot;https:\\\/\\\/www.garciafaura.com\\\/wp-content\\\/uploads\\\/2025\\\/04\\\/Habitatges-Jonquera-Poblenou-20.jpg&quot;},{&quot;src&quot;:&quot;https:\\\/\\\/www.garciafaura.com\\\/wp-content\\\/uploads\\\/2025\\\/04\\\/Habitatges-Jonquera-Poblenou-19.jpg&quot;},{&quot;src&quot;:&quot;https:\\\/\\\/www.garciafaura.com\\\/wp-content\\\/uploads\\\/2025\\\/04\\\/Habitatges-Jonquera-Poblenou-18.jpg&quot;},{&quot;src&quot;:&quot;https:\\\/\\\/www.garciafaura.com\\\/wp-content\\\/uploads\\\/2025\\\/04\\\/Habitatges-Jonquera-Poblenou-17.jpg&quot;},{&quot;src&quot;:&quot;https:\\\/\\\/www.garciafaura.com\\\/wp-content\\\/uploads\\\/2025\\\/04\\\/Habitatges-Jonquera-Poblenou-16.jpg&quot;},{&quot;src&quot;:&quot;https:\\\/\\\/www.garciafaura.com\\\/wp-content\\\/uploads\\\/2025\\\/04\\\/Habitatges-Jonquera-Poblenou-15.jpg&quot;},{&quot;src&quot;:&quot;https:\\\/\\\/www.garciafaura.com\\\/wp-content\\\/uploads\\\/2025\\\/04\\\/Habitatges-Jonquera-Poblenou-14.jpg&quot;},{&quot;src&quot;:&quot;https:\\\/\\\/www.garciafaura.com\\\/wp-content\\\/uploads\\\/2025\\\/04\\\/Habitatges-Jonquera-Poblenou-13.jpg&quot;},{&quot;src&quot;:&quot;https:\\\/\\\/www.garciafaura.com\\\/wp-content\\\/uploads\\\/2025\\\/04\\\/Habitatges-Jonquera-Poblenou-12.jpg&quot;},{&quot;src&quot;:&quot;https:\\\/\\\/www.garciafaura.com\\\/wp-content\\\/uploads\\\/2025\\\/04\\\/Habitatges-Jonquera-Poblenou-11.jpg&quot;},{&quot;src&quot;:&quot;https:\\\/\\\/www.garciafaura.com\\\/wp-content\\\/uploads\\\/2025\\\/04\\\/Habitatges-Jonquera-Poblenou-10.jpg&quot;},{&quot;src&quot;:&quot;https:\\\/\\\/www.garciafaura.com\\\/wp-content\\\/uploads\\\/2025\\\/04\\\/Habitatges-Jonquera-Poblenou-09.jpg&quot;},{&quot;src&quot;:&quot;https:\\\/\\\/www.garciafaura.com\\\/wp-content\\\/uploads\\\/2025\\\/04\\\/Habitatges-Jonquera-Poblenou-08.jpg&quot;},{&quot;src&quot;:&quot;https:\\\/\\\/www.garciafaura.com\\\/wp-content\\\/uploads\\\/2025\\\/04\\\/Habitatges-Jonquera-Poblenou-07.jpg&quot;},{&quot;src&quot;:&quot;https:\\\/\\\/www.garciafaura.com\\\/wp-content\\\/uploads\\\/2025\\\/04\\\/Habitatges-Jonquera-Poblenou-06.jpg&quot;},{&quot;src&quot;:&quot;https:\\\/\\\/www.garciafaura.com\\\/wp-content\\\/uploads\\\/2025\\\/04\\\/Habitatges-Jonquera-Poblenou-05.jpg&quot;},{&quot;src&quot;:&quot;https:\\\/\\\/www.garciafaura.com\\\/wp-content\\\/uploads\\\/2025\\\/04\\\/Habitatges-Jonquera-Poblenou-04.jpg&quot;},{&quot;src&quot;:&quot;https:\\\/\\\/www.garciafaura.com\\\/wp-content\\\/uploads\\\/2025\\\/04\\\/Habitatges-Jonquera-Poblenou-03.jpg&quot;},{&quot;src&quot;:&quot;https:\\\/\\\/www.garciafaura.com\\\/wp-content\\\/uploads\\\/2025\\\/04\\\/Habitatges-Jonquera-Poblenou-02.jpg&quot;},{&quot;src&quot;:&quot;https:\\\/\\\/www.garciafaura.com\\\/wp-content\\\/uploads\\\/2025\\\/04\\\/Habitatges-Jonquera-Poblenou-30.jpg&quot;}]\"><img loading=\"lazy\" decoding=\"async\" data-no-lazy=\"1\" class=\"portfolio-entry-img skip-lazy\" src=\"https:\/\/www.garciafaura.com\/wp-content\/uploads\/2025\/04\/Habitatges-Jonquera-Poblenou-30-600x314.jpg\" alt='' data-no-retina width=\"600\" height=\"314\" \/><\/a><\/div><div class=\"portfolio-entry-details entry-details wpex-clr\"><h2 class=\"portfolio-entry-title entry-title\"><a href=\"https:\/\/www.garciafaura.com\/es\/portfolio-item\/habitatges-jonquera-barcelona\/\" title=\"Viviendas Jonquera Barcelona\">Viviendas Jonquera Barcelona<\/a><\/h2><div class=\"portfolio-entry-categories entry-categories wpex-clr\"><a href=\"https:\/\/www.garciafaura.com\/es\/portfolio-category\/conjuntos-residenciales\/\" class=\"term-46\">Conjuntos residenciales<\/a><\/div><\/div><\/div><\/div><div class=\"portfolio-entry vcex-grid-item entry-has-details span_1_of_3 col col-3 vcex-isotope-entry vcex-no-margin-entry post-36296 entry type-portfolio has-media cat-46 translation_priority-6\"><div class=\"portfolio-entry-inner entry-inner wpex-clr\"><div class=\"portfolio-entry-media entry-media wpex-clr\"><a href=\"https:\/\/www.garciafaura.com\/wp-content\/uploads\/2024\/04\/Promocio-Zembra-Vilanova-5.jpg\" title=\"Promoci\u00f3n Zembra Vilanova\" class=\"portfolio-entry-media-link wpex-lightbox-gallery\" data-gallery=\"[{&quot;src&quot;:&quot;https:\\\/\\\/www.garciafaura.com\\\/wp-content\\\/uploads\\\/2024\\\/04\\\/Promocio-Zembra-Vilanova-5.jpg&quot;},{&quot;src&quot;:&quot;https:\\\/\\\/www.garciafaura.com\\\/wp-content\\\/uploads\\\/2024\\\/04\\\/Promocio-Zembra-Vilanova-1.jpg&quot;},{&quot;src&quot;:&quot;https:\\\/\\\/www.garciafaura.com\\\/wp-content\\\/uploads\\\/2024\\\/04\\\/Promocio-Zembra-Vilanova-13.jpg&quot;},{&quot;src&quot;:&quot;https:\\\/\\\/www.garciafaura.com\\\/wp-content\\\/uploads\\\/2024\\\/04\\\/Promocio-Zembra-Vilanova-12.jpg&quot;},{&quot;src&quot;:&quot;https:\\\/\\\/www.garciafaura.com\\\/wp-content\\\/uploads\\\/2024\\\/04\\\/Promocio-Zembra-Vilanova-11.jpg&quot;},{&quot;src&quot;:&quot;https:\\\/\\\/www.garciafaura.com\\\/wp-content\\\/uploads\\\/2024\\\/04\\\/Promocio-Zembra-Vilanova-10.jpg&quot;},{&quot;src&quot;:&quot;https:\\\/\\\/www.garciafaura.com\\\/wp-content\\\/uploads\\\/2024\\\/04\\\/Promocio-Zembra-Vilanova-9.jpg&quot;},{&quot;src&quot;:&quot;https:\\\/\\\/www.garciafaura.com\\\/wp-content\\\/uploads\\\/2024\\\/04\\\/Promocio-Zembra-Vilanova-8.jpg&quot;},{&quot;src&quot;:&quot;https:\\\/\\\/www.garciafaura.com\\\/wp-content\\\/uploads\\\/2024\\\/04\\\/Promocio-Zembra-Vilanova-7.jpg&quot;},{&quot;src&quot;:&quot;https:\\\/\\\/www.garciafaura.com\\\/wp-content\\\/uploads\\\/2024\\\/04\\\/Promocio-Zembra-Vilanova-6.jpg&quot;},{&quot;src&quot;:&quot;https:\\\/\\\/www.garciafaura.com\\\/wp-content\\\/uploads\\\/2024\\\/04\\\/Promocio-Zembra-Vilanova-4.jpg&quot;},{&quot;src&quot;:&quot;https:\\\/\\\/www.garciafaura.com\\\/wp-content\\\/uploads\\\/2024\\\/04\\\/Promocio-Zembra-Vilanova-3.jpg&quot;},{&quot;src&quot;:&quot;https:\\\/\\\/www.garciafaura.com\\\/wp-content\\\/uploads\\\/2024\\\/04\\\/Promocio-Zembra-Vilanova-2.jpg&quot;},{&quot;src&quot;:&quot;https:\\\/\\\/www.garciafaura.com\\\/wp-content\\\/uploads\\\/2024\\\/04\\\/Promocio-Zembra-Vilanova-23.jpg&quot;},{&quot;src&quot;:&quot;https:\\\/\\\/www.garciafaura.com\\\/wp-content\\\/uploads\\\/2024\\\/04\\\/Promocio-Zembra-Vilanova-22.jpg&quot;},{&quot;src&quot;:&quot;https:\\\/\\\/www.garciafaura.com\\\/wp-content\\\/uploads\\\/2024\\\/04\\\/Promocio-Zembra-Vilanova-21.jpg&quot;},{&quot;src&quot;:&quot;https:\\\/\\\/www.garciafaura.com\\\/wp-content\\\/uploads\\\/2024\\\/04\\\/Promocio-Zembra-Vilanova-20.jpg&quot;},{&quot;src&quot;:&quot;https:\\\/\\\/www.garciafaura.com\\\/wp-content\\\/uploads\\\/2024\\\/04\\\/Promocio-Zembra-Vilanova-19.jpg&quot;},{&quot;src&quot;:&quot;https:\\\/\\\/www.garciafaura.com\\\/wp-content\\\/uploads\\\/2024\\\/04\\\/Promocio-Zembra-Vilanova-18.jpg&quot;},{&quot;src&quot;:&quot;https:\\\/\\\/www.garciafaura.com\\\/wp-content\\\/uploads\\\/2024\\\/04\\\/Promocio-Zembra-Vilanova-17.jpg&quot;},{&quot;src&quot;:&quot;https:\\\/\\\/www.garciafaura.com\\\/wp-content\\\/uploads\\\/2024\\\/04\\\/Promocio-Zembra-Vilanova-16.jpg&quot;},{&quot;src&quot;:&quot;https:\\\/\\\/www.garciafaura.com\\\/wp-content\\\/uploads\\\/2024\\\/04\\\/Promocio-Zembra-Vilanova-15.jpg&quot;},{&quot;src&quot;:&quot;https:\\\/\\\/www.garciafaura.com\\\/wp-content\\\/uploads\\\/2024\\\/04\\\/Promocio-Zembra-Vilanova-14.jpg&quot;}]\"><img loading=\"lazy\" decoding=\"async\" data-no-lazy=\"1\" class=\"portfolio-entry-img skip-lazy\" src=\"https:\/\/www.garciafaura.com\/wp-content\/uploads\/2024\/04\/Promocio-Zembra-Vilanova-5-600x314.jpg\" alt='' data-no-retina width=\"600\" height=\"314\" \/><\/a><\/div><div class=\"portfolio-entry-details entry-details wpex-clr\"><h2 class=\"portfolio-entry-title entry-title\"><a href=\"https:\/\/www.garciafaura.com\/es\/portfolio-item\/promicio-zembra-vilanova\/\" title=\"Promoci\u00f3n Zembra Vilanova\">Promoci\u00f3n Zembra Vilanova<\/a><\/h2><div class=\"portfolio-entry-categories entry-categories wpex-clr\"><a href=\"https:\/\/www.garciafaura.com\/es\/portfolio-category\/conjuntos-residenciales\/\" class=\"term-46\">Conjuntos residenciales<\/a><\/div><\/div><\/div><\/div><div class=\"portfolio-entry vcex-grid-item entry-has-details span_1_of_3 col col-1 vcex-isotope-entry vcex-no-margin-entry post-35605 entry type-portfolio has-media cat-46 translation_priority-6\"><div class=\"portfolio-entry-inner entry-inner wpex-clr\"><div class=\"portfolio-entry-media entry-media wpex-clr\"><a href=\"https:\/\/www.garciafaura.com\/wp-content\/uploads\/2024\/03\/Residencial-Somnia-Mare-Port-de-Badalona-1.jpg\" title=\"Promoci\u00f3n Somnia Mare Badalona\" class=\"portfolio-entry-media-link wpex-lightbox-gallery\" data-gallery=\"[{&quot;src&quot;:&quot;https:\\\/\\\/www.garciafaura.com\\\/wp-content\\\/uploads\\\/2024\\\/03\\\/Residencial-Somnia-Mare-Port-de-Badalona-1.jpg&quot;},{&quot;src&quot;:&quot;https:\\\/\\\/www.garciafaura.com\\\/wp-content\\\/uploads\\\/2024\\\/03\\\/Residencial-Somnia-Mare-Port-de-Badalona-35.jpg&quot;},{&quot;src&quot;:&quot;https:\\\/\\\/www.garciafaura.com\\\/wp-content\\\/uploads\\\/2024\\\/03\\\/Residencial-Somnia-Mare-Port-de-Badalona-34.jpg&quot;},{&quot;src&quot;:&quot;https:\\\/\\\/www.garciafaura.com\\\/wp-content\\\/uploads\\\/2024\\\/03\\\/Residencial-Somnia-Mare-Port-de-Badalona-33.jpg&quot;},{&quot;src&quot;:&quot;https:\\\/\\\/www.garciafaura.com\\\/wp-content\\\/uploads\\\/2024\\\/03\\\/Residencial-Somnia-Mare-Port-de-Badalona-32.jpg&quot;},{&quot;src&quot;:&quot;https:\\\/\\\/www.garciafaura.com\\\/wp-content\\\/uploads\\\/2024\\\/03\\\/Residencial-Somnia-Mare-Port-de-Badalona-31.jpg&quot;},{&quot;src&quot;:&quot;https:\\\/\\\/www.garciafaura.com\\\/wp-content\\\/uploads\\\/2024\\\/03\\\/Residencial-Somnia-Mare-Port-de-Badalona-30.jpg&quot;},{&quot;src&quot;:&quot;https:\\\/\\\/www.garciafaura.com\\\/wp-content\\\/uploads\\\/2024\\\/03\\\/Residencial-Somnia-Mare-Port-de-Badalona-29.jpg&quot;},{&quot;src&quot;:&quot;https:\\\/\\\/www.garciafaura.com\\\/wp-content\\\/uploads\\\/2024\\\/03\\\/Residencial-Somnia-Mare-Port-de-Badalona-28.jpg&quot;},{&quot;src&quot;:&quot;https:\\\/\\\/www.garciafaura.com\\\/wp-content\\\/uploads\\\/2024\\\/03\\\/Residencial-Somnia-Mare-Port-de-Badalona-27.jpg&quot;},{&quot;src&quot;:&quot;https:\\\/\\\/www.garciafaura.com\\\/wp-content\\\/uploads\\\/2024\\\/03\\\/Residencial-Somnia-Mare-Port-de-Badalona-26.jpg&quot;},{&quot;src&quot;:&quot;https:\\\/\\\/www.garciafaura.com\\\/wp-content\\\/uploads\\\/2024\\\/03\\\/Residencial-Somnia-Mare-Port-de-Badalona-25.jpg&quot;},{&quot;src&quot;:&quot;https:\\\/\\\/www.garciafaura.com\\\/wp-content\\\/uploads\\\/2024\\\/03\\\/Residencial-Somnia-Mare-Port-de-Badalona-24.jpg&quot;},{&quot;src&quot;:&quot;https:\\\/\\\/www.garciafaura.com\\\/wp-content\\\/uploads\\\/2024\\\/03\\\/Residencial-Somnia-Mare-Port-de-Badalona-23.jpg&quot;},{&quot;src&quot;:&quot;https:\\\/\\\/www.garciafaura.com\\\/wp-content\\\/uploads\\\/2024\\\/03\\\/Residencial-Somnia-Mare-Port-de-Badalona-22.jpg&quot;},{&quot;src&quot;:&quot;https:\\\/\\\/www.garciafaura.com\\\/wp-content\\\/uploads\\\/2024\\\/03\\\/Residencial-Somnia-Mare-Port-de-Badalona-21.jpg&quot;},{&quot;src&quot;:&quot;https:\\\/\\\/www.garciafaura.com\\\/wp-content\\\/uploads\\\/2024\\\/03\\\/Residencial-Somnia-Mare-Port-de-Badalona-20.jpg&quot;},{&quot;src&quot;:&quot;https:\\\/\\\/www.garciafaura.com\\\/wp-content\\\/uploads\\\/2024\\\/03\\\/Residencial-Somnia-Mare-Port-de-Badalona-19.jpg&quot;},{&quot;src&quot;:&quot;https:\\\/\\\/www.garciafaura.com\\\/wp-content\\\/uploads\\\/2024\\\/03\\\/Residencial-Somnia-Mare-Port-de-Badalona-18.jpg&quot;},{&quot;src&quot;:&quot;https:\\\/\\\/www.garciafaura.com\\\/wp-content\\\/uploads\\\/2024\\\/03\\\/Residencial-Somnia-Mare-Port-de-Badalona-17.jpg&quot;},{&quot;src&quot;:&quot;https:\\\/\\\/www.garciafaura.com\\\/wp-content\\\/uploads\\\/2024\\\/03\\\/Residencial-Somnia-Mare-Port-de-Badalona-16.jpg&quot;},{&quot;src&quot;:&quot;https:\\\/\\\/www.garciafaura.com\\\/wp-content\\\/uploads\\\/2024\\\/03\\\/Residencial-Somnia-Mare-Port-de-Badalona-15.jpg&quot;},{&quot;src&quot;:&quot;https:\\\/\\\/www.garciafaura.com\\\/wp-content\\\/uploads\\\/2024\\\/03\\\/Residencial-Somnia-Mare-Port-de-Badalona-14.jpg&quot;},{&quot;src&quot;:&quot;https:\\\/\\\/www.garciafaura.com\\\/wp-content\\\/uploads\\\/2024\\\/03\\\/Residencial-Somnia-Mare-Port-de-Badalona-13.jpg&quot;},{&quot;src&quot;:&quot;https:\\\/\\\/www.garciafaura.com\\\/wp-content\\\/uploads\\\/2024\\\/03\\\/Residencial-Somnia-Mare-Port-de-Badalona-12.jpg&quot;},{&quot;src&quot;:&quot;https:\\\/\\\/www.garciafaura.com\\\/wp-content\\\/uploads\\\/2024\\\/03\\\/Residencial-Somnia-Mare-Port-de-Badalona-11.jpg&quot;},{&quot;src&quot;:&quot;https:\\\/\\\/www.garciafaura.com\\\/wp-content\\\/uploads\\\/2024\\\/03\\\/Residencial-Somnia-Mare-Port-de-Badalona-10.jpg&quot;},{&quot;src&quot;:&quot;https:\\\/\\\/www.garciafaura.com\\\/wp-content\\\/uploads\\\/2024\\\/03\\\/Residencial-Somnia-Mare-Port-de-Badalona-9.jpg&quot;},{&quot;src&quot;:&quot;https:\\\/\\\/www.garciafaura.com\\\/wp-content\\\/uploads\\\/2024\\\/03\\\/Residencial-Somnia-Mare-Port-de-Badalona-8.jpg&quot;},{&quot;src&quot;:&quot;https:\\\/\\\/www.garciafaura.com\\\/wp-content\\\/uploads\\\/2024\\\/03\\\/Residencial-Somnia-Mare-Port-de-Badalona-7.jpg&quot;},{&quot;src&quot;:&quot;https:\\\/\\\/www.garciafaura.com\\\/wp-content\\\/uploads\\\/2024\\\/03\\\/Residencial-Somnia-Mare-Port-de-Badalona-6.jpg&quot;},{&quot;src&quot;:&quot;https:\\\/\\\/www.garciafaura.com\\\/wp-content\\\/uploads\\\/2024\\\/03\\\/Residencial-Somnia-Mare-Port-de-Badalona-5.jpg&quot;},{&quot;src&quot;:&quot;https:\\\/\\\/www.garciafaura.com\\\/wp-content\\\/uploads\\\/2024\\\/03\\\/Residencial-Somnia-Mare-Port-de-Badalona-4.jpg&quot;},{&quot;src&quot;:&quot;https:\\\/\\\/www.garciafaura.com\\\/wp-content\\\/uploads\\\/2024\\\/03\\\/Residencial-Somnia-Mare-Port-de-Badalona-3.jpg&quot;},{&quot;src&quot;:&quot;https:\\\/\\\/www.garciafaura.com\\\/wp-content\\\/uploads\\\/2024\\\/03\\\/Residencial-Somnia-Mare-Port-de-Badalona-2.jpg&quot;}]\"><img loading=\"lazy\" decoding=\"async\" data-no-lazy=\"1\" class=\"portfolio-entry-img skip-lazy\" src=\"https:\/\/www.garciafaura.com\/wp-content\/uploads\/2024\/03\/Residencial-Somnia-Mare-Port-de-Badalona-1-600x314.jpg\" alt='' data-no-retina width=\"600\" height=\"314\" \/><\/a><\/div><div class=\"portfolio-entry-details entry-details wpex-clr\"><h2 class=\"portfolio-entry-title entry-title\"><a href=\"https:\/\/www.garciafaura.com\/es\/portfolio-item\/promocio-somnia-mare-badalona\/\" title=\"Promoci\u00f3n Somnia Mare Badalona\">Promoci\u00f3n Somnia Mare Badalona<\/a><\/h2><div class=\"portfolio-entry-categories entry-categories wpex-clr\"><a href=\"https:\/\/www.garciafaura.com\/es\/portfolio-category\/conjuntos-residenciales\/\" class=\"term-46\">Conjuntos residenciales<\/a><\/div><\/div><\/div><\/div><div class=\"portfolio-entry vcex-grid-item entry-has-details span_1_of_3 col col-2 vcex-isotope-entry vcex-no-margin-entry post-33817 entry type-portfolio has-media cat-46 translation_priority-6\"><div class=\"portfolio-entry-inner entry-inner wpex-clr\"><div class=\"portfolio-entry-media entry-media wpex-clr\"><a href=\"https:\/\/www.garciafaura.com\/wp-content\/uploads\/2023\/11\/Habitatges-La-Sagrera-09.jpg\" title=\"Promoci\u00f3n Sagrera 2.0\" class=\"portfolio-entry-media-link wpex-lightbox-gallery\" data-gallery=\"[{&quot;src&quot;:&quot;https:\\\/\\\/www.garciafaura.com\\\/wp-content\\\/uploads\\\/2023\\\/11\\\/Habitatges-La-Sagrera-09.jpg&quot;},{&quot;src&quot;:&quot;https:\\\/\\\/www.garciafaura.com\\\/wp-content\\\/uploads\\\/2023\\\/11\\\/Habitatges-La-Sagrera-01.jpg&quot;},{&quot;src&quot;:&quot;https:\\\/\\\/www.garciafaura.com\\\/wp-content\\\/uploads\\\/2023\\\/11\\\/Habitatges-La-Sagrera-28.jpg&quot;},{&quot;src&quot;:&quot;https:\\\/\\\/www.garciafaura.com\\\/wp-content\\\/uploads\\\/2023\\\/11\\\/Habitatges-La-Sagrera-27.jpg&quot;},{&quot;src&quot;:&quot;https:\\\/\\\/www.garciafaura.com\\\/wp-content\\\/uploads\\\/2023\\\/11\\\/Habitatges-La-Sagrera-26.jpg&quot;},{&quot;src&quot;:&quot;https:\\\/\\\/www.garciafaura.com\\\/wp-content\\\/uploads\\\/2023\\\/11\\\/Habitatges-La-Sagrera-25.jpg&quot;},{&quot;src&quot;:&quot;https:\\\/\\\/www.garciafaura.com\\\/wp-content\\\/uploads\\\/2023\\\/11\\\/Habitatges-La-Sagrera-24.jpg&quot;},{&quot;src&quot;:&quot;https:\\\/\\\/www.garciafaura.com\\\/wp-content\\\/uploads\\\/2023\\\/11\\\/Habitatges-La-Sagrera-23.jpg&quot;},{&quot;src&quot;:&quot;https:\\\/\\\/www.garciafaura.com\\\/wp-content\\\/uploads\\\/2023\\\/11\\\/Habitatges-La-Sagrera-22.jpg&quot;},{&quot;src&quot;:&quot;https:\\\/\\\/www.garciafaura.com\\\/wp-content\\\/uploads\\\/2023\\\/11\\\/Habitatges-La-Sagrera-21.jpg&quot;},{&quot;src&quot;:&quot;https:\\\/\\\/www.garciafaura.com\\\/wp-content\\\/uploads\\\/2023\\\/11\\\/Habitatges-La-Sagrera-20.jpg&quot;},{&quot;src&quot;:&quot;https:\\\/\\\/www.garciafaura.com\\\/wp-content\\\/uploads\\\/2023\\\/11\\\/Habitatges-La-Sagrera-19.jpg&quot;},{&quot;src&quot;:&quot;https:\\\/\\\/www.garciafaura.com\\\/wp-content\\\/uploads\\\/2023\\\/11\\\/Habitatges-La-Sagrera-18.jpg&quot;},{&quot;src&quot;:&quot;https:\\\/\\\/www.garciafaura.com\\\/wp-content\\\/uploads\\\/2023\\\/11\\\/Habitatges-La-Sagrera-17.jpg&quot;},{&quot;src&quot;:&quot;https:\\\/\\\/www.garciafaura.com\\\/wp-content\\\/uploads\\\/2023\\\/11\\\/Habitatges-La-Sagrera-16.jpg&quot;},{&quot;src&quot;:&quot;https:\\\/\\\/www.garciafaura.com\\\/wp-content\\\/uploads\\\/2023\\\/11\\\/Habitatges-La-Sagrera-15.jpg&quot;},{&quot;src&quot;:&quot;https:\\\/\\\/www.garciafaura.com\\\/wp-content\\\/uploads\\\/2023\\\/11\\\/Habitatges-La-Sagrera-14.jpg&quot;},{&quot;src&quot;:&quot;https:\\\/\\\/www.garciafaura.com\\\/wp-content\\\/uploads\\\/2023\\\/11\\\/Habitatges-La-Sagrera-13.jpg&quot;},{&quot;src&quot;:&quot;https:\\\/\\\/www.garciafaura.com\\\/wp-content\\\/uploads\\\/2023\\\/11\\\/Habitatges-La-Sagrera-12.jpg&quot;},{&quot;src&quot;:&quot;https:\\\/\\\/www.garciafaura.com\\\/wp-content\\\/uploads\\\/2023\\\/11\\\/Habitatges-La-Sagrera-11.jpg&quot;},{&quot;src&quot;:&quot;https:\\\/\\\/www.garciafaura.com\\\/wp-content\\\/uploads\\\/2023\\\/11\\\/Habitatges-La-Sagrera-10.jpg&quot;},{&quot;src&quot;:&quot;https:\\\/\\\/www.garciafaura.com\\\/wp-content\\\/uploads\\\/2023\\\/11\\\/Habitatges-La-Sagrera-08.jpg&quot;},{&quot;src&quot;:&quot;https:\\\/\\\/www.garciafaura.com\\\/wp-content\\\/uploads\\\/2023\\\/11\\\/Habitatges-La-Sagrera-07.jpg&quot;},{&quot;src&quot;:&quot;https:\\\/\\\/www.garciafaura.com\\\/wp-content\\\/uploads\\\/2023\\\/11\\\/Habitatges-La-Sagrera-06.jpg&quot;},{&quot;src&quot;:&quot;https:\\\/\\\/www.garciafaura.com\\\/wp-content\\\/uploads\\\/2023\\\/11\\\/Habitatges-La-Sagrera-05.jpg&quot;},{&quot;src&quot;:&quot;https:\\\/\\\/www.garciafaura.com\\\/wp-content\\\/uploads\\\/2023\\\/11\\\/Habitatges-La-Sagrera-04.jpg&quot;},{&quot;src&quot;:&quot;https:\\\/\\\/www.garciafaura.com\\\/wp-content\\\/uploads\\\/2023\\\/11\\\/Habitatges-La-Sagrera-03.jpg&quot;},{&quot;src&quot;:&quot;https:\\\/\\\/www.garciafaura.com\\\/wp-content\\\/uploads\\\/2023\\\/11\\\/Habitatges-La-Sagrera-02.jpg&quot;}]\"><img loading=\"lazy\" decoding=\"async\" data-no-lazy=\"1\" class=\"portfolio-entry-img skip-lazy\" src=\"https:\/\/www.garciafaura.com\/wp-content\/uploads\/2023\/11\/Habitatges-La-Sagrera-09-600x314.jpg\" alt='' data-no-retina width=\"600\" height=\"314\" \/><\/a><\/div><div class=\"portfolio-entry-details entry-details wpex-clr\"><h2 class=\"portfolio-entry-title entry-title\"><a href=\"https:\/\/www.garciafaura.com\/es\/portfolio-item\/promocion-sagrera-2-0\/\" title=\"Promoci\u00f3n Sagrera 2.0\">Promoci\u00f3n Sagrera 2.0<\/a><\/h2><div class=\"portfolio-entry-categories entry-categories wpex-clr\"><a href=\"https:\/\/www.garciafaura.com\/es\/portfolio-category\/conjuntos-residenciales\/\" class=\"term-46\">Conjuntos residenciales<\/a><\/div><\/div><\/div><\/div><div class=\"portfolio-entry vcex-grid-item entry-has-details span_1_of_3 col col-3 vcex-isotope-entry vcex-no-margin-entry post-33802 entry type-portfolio has-media cat-46 translation_priority-6\"><div class=\"portfolio-entry-inner entry-inner wpex-clr\"><div class=\"portfolio-entry-media entry-media wpex-clr\"><a href=\"https:\/\/www.garciafaura.com\/wp-content\/uploads\/2023\/11\/Habitatges-Sirani-Terrassa-17.jpg\" title=\"Promoci\u00f3n Sirani Terrassa\" class=\"portfolio-entry-media-link wpex-lightbox-gallery\" data-gallery=\"[{&quot;src&quot;:&quot;https:\\\/\\\/www.garciafaura.com\\\/wp-content\\\/uploads\\\/2023\\\/11\\\/Habitatges-Sirani-Terrassa-8.jpg&quot;},{&quot;src&quot;:&quot;https:\\\/\\\/www.garciafaura.com\\\/wp-content\\\/uploads\\\/2023\\\/11\\\/Habitatges-Sirani-Terrassa-1.jpg&quot;},{&quot;src&quot;:&quot;https:\\\/\\\/www.garciafaura.com\\\/wp-content\\\/uploads\\\/2023\\\/11\\\/Habitatges-Sirani-Terrassa-22.jpg&quot;},{&quot;src&quot;:&quot;https:\\\/\\\/www.garciafaura.com\\\/wp-content\\\/uploads\\\/2023\\\/11\\\/Habitatges-Sirani-Terrassa-21.jpg&quot;},{&quot;src&quot;:&quot;https:\\\/\\\/www.garciafaura.com\\\/wp-content\\\/uploads\\\/2023\\\/11\\\/Habitatges-Sirani-Terrassa-20.jpg&quot;},{&quot;src&quot;:&quot;https:\\\/\\\/www.garciafaura.com\\\/wp-content\\\/uploads\\\/2023\\\/11\\\/Habitatges-Sirani-Terrassa-19.jpg&quot;},{&quot;src&quot;:&quot;https:\\\/\\\/www.garciafaura.com\\\/wp-content\\\/uploads\\\/2023\\\/11\\\/Habitatges-Sirani-Terrassa-18.jpg&quot;},{&quot;src&quot;:&quot;https:\\\/\\\/www.garciafaura.com\\\/wp-content\\\/uploads\\\/2023\\\/11\\\/Habitatges-Sirani-Terrassa-17.jpg&quot;},{&quot;src&quot;:&quot;https:\\\/\\\/www.garciafaura.com\\\/wp-content\\\/uploads\\\/2023\\\/11\\\/Habitatges-Sirani-Terrassa-16.jpg&quot;},{&quot;src&quot;:&quot;https:\\\/\\\/www.garciafaura.com\\\/wp-content\\\/uploads\\\/2023\\\/11\\\/Habitatges-Sirani-Terrassa-15.jpg&quot;},{&quot;src&quot;:&quot;https:\\\/\\\/www.garciafaura.com\\\/wp-content\\\/uploads\\\/2023\\\/11\\\/Habitatges-Sirani-Terrassa-14.jpg&quot;},{&quot;src&quot;:&quot;https:\\\/\\\/www.garciafaura.com\\\/wp-content\\\/uploads\\\/2023\\\/11\\\/Habitatges-Sirani-Terrassa-13.jpg&quot;},{&quot;src&quot;:&quot;https:\\\/\\\/www.garciafaura.com\\\/wp-content\\\/uploads\\\/2023\\\/11\\\/Habitatges-Sirani-Terrassa-12.jpg&quot;},{&quot;src&quot;:&quot;https:\\\/\\\/www.garciafaura.com\\\/wp-content\\\/uploads\\\/2023\\\/11\\\/Habitatges-Sirani-Terrassa-11.jpg&quot;},{&quot;src&quot;:&quot;https:\\\/\\\/www.garciafaura.com\\\/wp-content\\\/uploads\\\/2023\\\/11\\\/Habitatges-Sirani-Terrassa-10.jpg&quot;},{&quot;src&quot;:&quot;https:\\\/\\\/www.garciafaura.com\\\/wp-content\\\/uploads\\\/2023\\\/11\\\/Habitatges-Sirani-Terrassa-9.jpg&quot;},{&quot;src&quot;:&quot;https:\\\/\\\/www.garciafaura.com\\\/wp-content\\\/uploads\\\/2023\\\/11\\\/Habitatges-Sirani-Terrassa-7.jpg&quot;},{&quot;src&quot;:&quot;https:\\\/\\\/www.garciafaura.com\\\/wp-content\\\/uploads\\\/2023\\\/11\\\/Habitatges-Sirani-Terrassa-6.jpg&quot;},{&quot;src&quot;:&quot;https:\\\/\\\/www.garciafaura.com\\\/wp-content\\\/uploads\\\/2023\\\/11\\\/Habitatges-Sirani-Terrassa-5.jpg&quot;},{&quot;src&quot;:&quot;https:\\\/\\\/www.garciafaura.com\\\/wp-content\\\/uploads\\\/2023\\\/11\\\/Habitatges-Sirani-Terrassa-4.jpg&quot;},{&quot;src&quot;:&quot;https:\\\/\\\/www.garciafaura.com\\\/wp-content\\\/uploads\\\/2023\\\/11\\\/Habitatges-Sirani-Terrassa-3.jpg&quot;},{&quot;src&quot;:&quot;https:\\\/\\\/www.garciafaura.com\\\/wp-content\\\/uploads\\\/2023\\\/11\\\/Habitatges-Sirani-Terrassa-2.jpg&quot;}]\"><img loading=\"lazy\" decoding=\"async\" data-no-lazy=\"1\" class=\"portfolio-entry-img skip-lazy\" src=\"https:\/\/www.garciafaura.com\/wp-content\/uploads\/2023\/11\/Habitatges-Sirani-Terrassa-17-600x314.jpg\" alt='' data-no-retina width=\"600\" height=\"314\" \/><\/a><\/div><div class=\"portfolio-entry-details entry-details wpex-clr\"><h2 class=\"portfolio-entry-title entry-title\"><a href=\"https:\/\/www.garciafaura.com\/es\/portfolio-item\/promcion-sirani-terrassa\/\" title=\"Promoci\u00f3n Sirani Terrassa\">Promoci\u00f3n Sirani Terrassa<\/a><\/h2><div class=\"portfolio-entry-categories entry-categories wpex-clr\"><a href=\"https:\/\/www.garciafaura.com\/es\/portfolio-category\/conjuntos-residenciales\/\" class=\"term-46\">Conjuntos residenciales<\/a><\/div><\/div><\/div><\/div><div class=\"portfolio-entry vcex-grid-item entry-has-details span_1_of_3 col col-1 vcex-isotope-entry vcex-no-margin-entry post-33495 entry type-portfolio has-media cat-46 translation_priority-6\"><div class=\"portfolio-entry-inner entry-inner wpex-clr\"><div class=\"portfolio-entry-media entry-media wpex-clr\"><a href=\"https:\/\/www.garciafaura.com\/wp-content\/uploads\/2023\/10\/Residencia-destudiants-Doctor-Trueta-01.jpg\" title=\"Residencia Doctor Trueta\" class=\"portfolio-entry-media-link wpex-lightbox-gallery\" data-gallery=\"[{&quot;src&quot;:&quot;https:\\\/\\\/www.garciafaura.com\\\/wp-content\\\/uploads\\\/2023\\\/10\\\/Residencia-destudiants-Doctor-Trueta-01.jpg&quot;},{&quot;src&quot;:&quot;https:\\\/\\\/www.garciafaura.com\\\/wp-content\\\/uploads\\\/2023\\\/10\\\/Residencia-destudiants-Doctor-Trueta-33.jpg&quot;},{&quot;src&quot;:&quot;https:\\\/\\\/www.garciafaura.com\\\/wp-content\\\/uploads\\\/2023\\\/10\\\/Residencia-destudiants-Doctor-Trueta-32.jpg&quot;},{&quot;src&quot;:&quot;https:\\\/\\\/www.garciafaura.com\\\/wp-content\\\/uploads\\\/2023\\\/10\\\/Residencia-destudiants-Doctor-Trueta-31.jpg&quot;},{&quot;src&quot;:&quot;https:\\\/\\\/www.garciafaura.com\\\/wp-content\\\/uploads\\\/2023\\\/10\\\/Residencia-destudiants-Doctor-Trueta-30.jpg&quot;},{&quot;src&quot;:&quot;https:\\\/\\\/www.garciafaura.com\\\/wp-content\\\/uploads\\\/2023\\\/10\\\/Residencia-destudiants-Doctor-Trueta-29.jpg&quot;},{&quot;src&quot;:&quot;https:\\\/\\\/www.garciafaura.com\\\/wp-content\\\/uploads\\\/2023\\\/10\\\/Residencia-destudiants-Doctor-Trueta-28.jpg&quot;},{&quot;src&quot;:&quot;https:\\\/\\\/www.garciafaura.com\\\/wp-content\\\/uploads\\\/2023\\\/10\\\/Residencia-destudiants-Doctor-Trueta-27.jpg&quot;},{&quot;src&quot;:&quot;https:\\\/\\\/www.garciafaura.com\\\/wp-content\\\/uploads\\\/2023\\\/10\\\/Residencia-destudiants-Doctor-Trueta-26.jpg&quot;},{&quot;src&quot;:&quot;https:\\\/\\\/www.garciafaura.com\\\/wp-content\\\/uploads\\\/2023\\\/10\\\/Residencia-destudiants-Doctor-Trueta-25.jpg&quot;},{&quot;src&quot;:&quot;https:\\\/\\\/www.garciafaura.com\\\/wp-content\\\/uploads\\\/2023\\\/10\\\/Residencia-destudiants-Doctor-Trueta-24.jpg&quot;},{&quot;src&quot;:&quot;https:\\\/\\\/www.garciafaura.com\\\/wp-content\\\/uploads\\\/2023\\\/10\\\/Residencia-destudiants-Doctor-Trueta-23.jpg&quot;},{&quot;src&quot;:&quot;https:\\\/\\\/www.garciafaura.com\\\/wp-content\\\/uploads\\\/2023\\\/10\\\/Residencia-destudiants-Doctor-Trueta-22.jpg&quot;},{&quot;src&quot;:&quot;https:\\\/\\\/www.garciafaura.com\\\/wp-content\\\/uploads\\\/2023\\\/10\\\/Residencia-destudiants-Doctor-Trueta-21.jpg&quot;},{&quot;src&quot;:&quot;https:\\\/\\\/www.garciafaura.com\\\/wp-content\\\/uploads\\\/2023\\\/10\\\/Residencia-destudiants-Doctor-Trueta-20.jpg&quot;},{&quot;src&quot;:&quot;https:\\\/\\\/www.garciafaura.com\\\/wp-content\\\/uploads\\\/2023\\\/10\\\/Residencia-destudiants-Doctor-Trueta-19.jpg&quot;},{&quot;src&quot;:&quot;https:\\\/\\\/www.garciafaura.com\\\/wp-content\\\/uploads\\\/2023\\\/10\\\/Residencia-destudiants-Doctor-Trueta-18.jpg&quot;},{&quot;src&quot;:&quot;https:\\\/\\\/www.garciafaura.com\\\/wp-content\\\/uploads\\\/2023\\\/10\\\/Residencia-destudiants-Doctor-Trueta-17.jpg&quot;},{&quot;src&quot;:&quot;https:\\\/\\\/www.garciafaura.com\\\/wp-content\\\/uploads\\\/2023\\\/10\\\/Residencia-destudiants-Doctor-Trueta-16.jpg&quot;},{&quot;src&quot;:&quot;https:\\\/\\\/www.garciafaura.com\\\/wp-content\\\/uploads\\\/2023\\\/10\\\/Residencia-destudiants-Doctor-Trueta-15.jpg&quot;},{&quot;src&quot;:&quot;https:\\\/\\\/www.garciafaura.com\\\/wp-content\\\/uploads\\\/2023\\\/10\\\/Residencia-destudiants-Doctor-Trueta-14.jpg&quot;},{&quot;src&quot;:&quot;https:\\\/\\\/www.garciafaura.com\\\/wp-content\\\/uploads\\\/2023\\\/10\\\/Residencia-destudiants-Doctor-Trueta-13.jpg&quot;},{&quot;src&quot;:&quot;https:\\\/\\\/www.garciafaura.com\\\/wp-content\\\/uploads\\\/2023\\\/10\\\/Residencia-destudiants-Doctor-Trueta-12.jpg&quot;},{&quot;src&quot;:&quot;https:\\\/\\\/www.garciafaura.com\\\/wp-content\\\/uploads\\\/2023\\\/10\\\/Residencia-destudiants-Doctor-Trueta-11.jpg&quot;},{&quot;src&quot;:&quot;https:\\\/\\\/www.garciafaura.com\\\/wp-content\\\/uploads\\\/2023\\\/10\\\/Residencia-destudiants-Doctor-Trueta-10.jpg&quot;},{&quot;src&quot;:&quot;https:\\\/\\\/www.garciafaura.com\\\/wp-content\\\/uploads\\\/2023\\\/10\\\/Residencia-destudiants-Doctor-Trueta-09.jpg&quot;},{&quot;src&quot;:&quot;https:\\\/\\\/www.garciafaura.com\\\/wp-content\\\/uploads\\\/2023\\\/10\\\/Residencia-destudiants-Doctor-Trueta-08.jpg&quot;},{&quot;src&quot;:&quot;https:\\\/\\\/www.garciafaura.com\\\/wp-content\\\/uploads\\\/2023\\\/10\\\/Residencia-destudiants-Doctor-Trueta-07.jpg&quot;},{&quot;src&quot;:&quot;https:\\\/\\\/www.garciafaura.com\\\/wp-content\\\/uploads\\\/2023\\\/10\\\/Residencia-destudiants-Doctor-Trueta-06.jpg&quot;},{&quot;src&quot;:&quot;https:\\\/\\\/www.garciafaura.com\\\/wp-content\\\/uploads\\\/2023\\\/10\\\/Residencia-destudiants-Doctor-Trueta-05.jpg&quot;},{&quot;src&quot;:&quot;https:\\\/\\\/www.garciafaura.com\\\/wp-content\\\/uploads\\\/2023\\\/10\\\/Residencia-destudiants-Doctor-Trueta-04.jpg&quot;},{&quot;src&quot;:&quot;https:\\\/\\\/www.garciafaura.com\\\/wp-content\\\/uploads\\\/2023\\\/10\\\/Residencia-destudiants-Doctor-Trueta-03.jpg&quot;},{&quot;src&quot;:&quot;https:\\\/\\\/www.garciafaura.com\\\/wp-content\\\/uploads\\\/2023\\\/10\\\/Residencia-destudiants-Doctor-Trueta-02.jpg&quot;}]\"><img loading=\"lazy\" decoding=\"async\" data-no-lazy=\"1\" class=\"portfolio-entry-img skip-lazy\" src=\"https:\/\/www.garciafaura.com\/wp-content\/uploads\/2023\/10\/Residencia-destudiants-Doctor-Trueta-01-600x314.jpg\" alt='' data-no-retina width=\"600\" height=\"314\" \/><\/a><\/div><div class=\"portfolio-entry-details entry-details wpex-clr\"><h2 class=\"portfolio-entry-title entry-title\"><a href=\"https:\/\/www.garciafaura.com\/es\/portfolio-item\/residencia-doctor-trueta\/\" title=\"Residencia Doctor Trueta\">Residencia Doctor Trueta<\/a><\/h2><div class=\"portfolio-entry-categories entry-categories wpex-clr\"><a href=\"https:\/\/www.garciafaura.com\/es\/portfolio-category\/conjuntos-residenciales\/\" class=\"term-46\">Conjuntos residenciales<\/a><\/div><\/div><\/div><\/div><div class=\"portfolio-entry vcex-grid-item entry-has-details span_1_of_3 col col-2 vcex-isotope-entry vcex-no-margin-entry post-33356 entry type-portfolio has-media cat-46 translation_priority-6\"><div class=\"portfolio-entry-inner entry-inner wpex-clr\"><div class=\"portfolio-entry-media entry-media wpex-clr\"><a href=\"https:\/\/www.garciafaura.com\/wp-content\/uploads\/2023\/09\/Habitatges-port-Badalona-27.jpg\" title=\"Promoci\u00f3n viviendas isla 6 Badalona\" class=\"portfolio-entry-media-link wpex-lightbox-gallery\" data-gallery=\"[{&quot;src&quot;:&quot;https:\\\/\\\/www.garciafaura.com\\\/wp-content\\\/uploads\\\/2023\\\/09\\\/Habitatges-port-Badalona-27.jpg&quot;},{&quot;src&quot;:&quot;https:\\\/\\\/www.garciafaura.com\\\/wp-content\\\/uploads\\\/2023\\\/09\\\/Habitatges-port-Badalona-01.jpg&quot;},{&quot;src&quot;:&quot;https:\\\/\\\/www.garciafaura.com\\\/wp-content\\\/uploads\\\/2023\\\/09\\\/Habitatges-port-Badalona-25.jpg&quot;},{&quot;src&quot;:&quot;https:\\\/\\\/www.garciafaura.com\\\/wp-content\\\/uploads\\\/2023\\\/09\\\/Habitatges-port-Badalona-24.jpg&quot;},{&quot;src&quot;:&quot;https:\\\/\\\/www.garciafaura.com\\\/wp-content\\\/uploads\\\/2023\\\/09\\\/Habitatges-port-Badalona-23.jpg&quot;},{&quot;src&quot;:&quot;https:\\\/\\\/www.garciafaura.com\\\/wp-content\\\/uploads\\\/2023\\\/09\\\/Habitatges-port-Badalona-22.jpg&quot;},{&quot;src&quot;:&quot;https:\\\/\\\/www.garciafaura.com\\\/wp-content\\\/uploads\\\/2023\\\/09\\\/Habitatges-port-Badalona-21.jpg&quot;},{&quot;src&quot;:&quot;https:\\\/\\\/www.garciafaura.com\\\/wp-content\\\/uploads\\\/2023\\\/09\\\/Habitatges-port-Badalona-20.jpg&quot;},{&quot;src&quot;:&quot;https:\\\/\\\/www.garciafaura.com\\\/wp-content\\\/uploads\\\/2023\\\/09\\\/Habitatges-port-Badalona-19.jpg&quot;},{&quot;src&quot;:&quot;https:\\\/\\\/www.garciafaura.com\\\/wp-content\\\/uploads\\\/2023\\\/09\\\/Habitatges-port-Badalona-18.jpg&quot;},{&quot;src&quot;:&quot;https:\\\/\\\/www.garciafaura.com\\\/wp-content\\\/uploads\\\/2023\\\/09\\\/Habitatges-port-Badalona-17.jpg&quot;},{&quot;src&quot;:&quot;https:\\\/\\\/www.garciafaura.com\\\/wp-content\\\/uploads\\\/2023\\\/09\\\/Habitatges-port-Badalona-16.jpg&quot;},{&quot;src&quot;:&quot;https:\\\/\\\/www.garciafaura.com\\\/wp-content\\\/uploads\\\/2023\\\/09\\\/Habitatges-port-Badalona-15.jpg&quot;},{&quot;src&quot;:&quot;https:\\\/\\\/www.garciafaura.com\\\/wp-content\\\/uploads\\\/2023\\\/09\\\/Habitatges-port-Badalona-14.jpg&quot;},{&quot;src&quot;:&quot;https:\\\/\\\/www.garciafaura.com\\\/wp-content\\\/uploads\\\/2023\\\/09\\\/Habitatges-port-Badalona-13.jpg&quot;},{&quot;src&quot;:&quot;https:\\\/\\\/www.garciafaura.com\\\/wp-content\\\/uploads\\\/2023\\\/09\\\/Habitatges-port-Badalona-12.jpg&quot;},{&quot;src&quot;:&quot;https:\\\/\\\/www.garciafaura.com\\\/wp-content\\\/uploads\\\/2023\\\/09\\\/Habitatges-port-Badalona-11.jpg&quot;},{&quot;src&quot;:&quot;https:\\\/\\\/www.garciafaura.com\\\/wp-content\\\/uploads\\\/2023\\\/09\\\/Habitatges-port-Badalona-10.jpg&quot;},{&quot;src&quot;:&quot;https:\\\/\\\/www.garciafaura.com\\\/wp-content\\\/uploads\\\/2023\\\/09\\\/Habitatges-port-Badalona-09.jpg&quot;},{&quot;src&quot;:&quot;https:\\\/\\\/www.garciafaura.com\\\/wp-content\\\/uploads\\\/2023\\\/09\\\/Habitatges-port-Badalona-08.jpg&quot;},{&quot;src&quot;:&quot;https:\\\/\\\/www.garciafaura.com\\\/wp-content\\\/uploads\\\/2023\\\/09\\\/Habitatges-port-Badalona-07.jpg&quot;},{&quot;src&quot;:&quot;https:\\\/\\\/www.garciafaura.com\\\/wp-content\\\/uploads\\\/2023\\\/09\\\/Habitatges-port-Badalona-06.jpg&quot;},{&quot;src&quot;:&quot;https:\\\/\\\/www.garciafaura.com\\\/wp-content\\\/uploads\\\/2023\\\/09\\\/Habitatges-port-Badalona-05.jpg&quot;},{&quot;src&quot;:&quot;https:\\\/\\\/www.garciafaura.com\\\/wp-content\\\/uploads\\\/2023\\\/09\\\/Habitatges-port-Badalona-04.jpg&quot;},{&quot;src&quot;:&quot;https:\\\/\\\/www.garciafaura.com\\\/wp-content\\\/uploads\\\/2023\\\/09\\\/Habitatges-port-Badalona-03.jpg&quot;},{&quot;src&quot;:&quot;https:\\\/\\\/www.garciafaura.com\\\/wp-content\\\/uploads\\\/2023\\\/09\\\/Habitatges-port-Badalona-02.jpg&quot;},{&quot;src&quot;:&quot;https:\\\/\\\/www.garciafaura.com\\\/wp-content\\\/uploads\\\/2023\\\/09\\\/Habitatges-port-Badalona-26.jpg&quot;}]\"><img loading=\"lazy\" decoding=\"async\" data-no-lazy=\"1\" class=\"portfolio-entry-img skip-lazy\" src=\"https:\/\/www.garciafaura.com\/wp-content\/uploads\/2023\/09\/Habitatges-port-Badalona-27-600x314.jpg\" alt='' data-no-retina width=\"600\" height=\"314\" \/><\/a><\/div><div class=\"portfolio-entry-details entry-details wpex-clr\"><h2 class=\"portfolio-entry-title entry-title\"><a href=\"https:\/\/www.garciafaura.com\/es\/portfolio-item\/promocio-habitatges-illa-6-badalona\/\" title=\"Promoci\u00f3n viviendas isla 6 Badalona\">Promoci\u00f3n viviendas isla 6 Badalona<\/a><\/h2><div class=\"portfolio-entry-categories entry-categories wpex-clr\"><a href=\"https:\/\/www.garciafaura.com\/es\/portfolio-category\/conjuntos-residenciales\/\" class=\"term-46\">Conjuntos residenciales<\/a><\/div><\/div><\/div><\/div><div class=\"portfolio-entry vcex-grid-item entry-has-details span_1_of_3 col col-3 vcex-isotope-entry vcex-no-margin-entry post-32518 entry type-portfolio has-media cat-46 translation_priority-6\"><div class=\"portfolio-entry-inner entry-inner wpex-clr\"><div class=\"portfolio-entry-media entry-media wpex-clr\"><a href=\"https:\/\/www.garciafaura.com\/wp-content\/uploads\/2023\/08\/Residencial-Can-Calderon-01.jpg\" title=\"Residencial Can Calder\u00f3n\" class=\"portfolio-entry-media-link wpex-lightbox-gallery\" data-gallery=\"[{&quot;src&quot;:&quot;https:\\\/\\\/www.garciafaura.com\\\/wp-content\\\/uploads\\\/2023\\\/08\\\/Residencial-Can-Calderon-01.jpg&quot;},{&quot;src&quot;:&quot;https:\\\/\\\/www.garciafaura.com\\\/wp-content\\\/uploads\\\/2023\\\/08\\\/Residencial-Can-Calderon-22.jpg&quot;},{&quot;src&quot;:&quot;https:\\\/\\\/www.garciafaura.com\\\/wp-content\\\/uploads\\\/2023\\\/08\\\/Residencial-Can-Calderon-21.jpg&quot;},{&quot;src&quot;:&quot;https:\\\/\\\/www.garciafaura.com\\\/wp-content\\\/uploads\\\/2023\\\/08\\\/Residencial-Can-Calderon-20.jpg&quot;},{&quot;src&quot;:&quot;https:\\\/\\\/www.garciafaura.com\\\/wp-content\\\/uploads\\\/2023\\\/08\\\/Residencial-Can-Calderon-19.jpg&quot;},{&quot;src&quot;:&quot;https:\\\/\\\/www.garciafaura.com\\\/wp-content\\\/uploads\\\/2023\\\/08\\\/Residencial-Can-Calderon-18.jpg&quot;},{&quot;src&quot;:&quot;https:\\\/\\\/www.garciafaura.com\\\/wp-content\\\/uploads\\\/2023\\\/08\\\/Residencial-Can-Calderon-17.jpg&quot;},{&quot;src&quot;:&quot;https:\\\/\\\/www.garciafaura.com\\\/wp-content\\\/uploads\\\/2023\\\/08\\\/Residencial-Can-Calderon-16.jpg&quot;},{&quot;src&quot;:&quot;https:\\\/\\\/www.garciafaura.com\\\/wp-content\\\/uploads\\\/2023\\\/08\\\/Residencial-Can-Calderon-15.jpg&quot;},{&quot;src&quot;:&quot;https:\\\/\\\/www.garciafaura.com\\\/wp-content\\\/uploads\\\/2023\\\/08\\\/Residencial-Can-Calderon-14.jpg&quot;},{&quot;src&quot;:&quot;https:\\\/\\\/www.garciafaura.com\\\/wp-content\\\/uploads\\\/2023\\\/08\\\/Residencial-Can-Calderon-13.jpg&quot;},{&quot;src&quot;:&quot;https:\\\/\\\/www.garciafaura.com\\\/wp-content\\\/uploads\\\/2023\\\/08\\\/Residencial-Can-Calderon-12.jpg&quot;},{&quot;src&quot;:&quot;https:\\\/\\\/www.garciafaura.com\\\/wp-content\\\/uploads\\\/2023\\\/08\\\/Residencial-Can-Calderon-11.jpg&quot;},{&quot;src&quot;:&quot;https:\\\/\\\/www.garciafaura.com\\\/wp-content\\\/uploads\\\/2023\\\/08\\\/Residencial-Can-Calderon-10.jpg&quot;},{&quot;src&quot;:&quot;https:\\\/\\\/www.garciafaura.com\\\/wp-content\\\/uploads\\\/2023\\\/08\\\/Residencial-Can-Calderon-09.jpg&quot;},{&quot;src&quot;:&quot;https:\\\/\\\/www.garciafaura.com\\\/wp-content\\\/uploads\\\/2023\\\/08\\\/Residencial-Can-Calderon-08.jpg&quot;},{&quot;src&quot;:&quot;https:\\\/\\\/www.garciafaura.com\\\/wp-content\\\/uploads\\\/2023\\\/08\\\/Residencial-Can-Calderon-07.jpg&quot;},{&quot;src&quot;:&quot;https:\\\/\\\/www.garciafaura.com\\\/wp-content\\\/uploads\\\/2023\\\/08\\\/Residencial-Can-Calderon-06.jpg&quot;},{&quot;src&quot;:&quot;https:\\\/\\\/www.garciafaura.com\\\/wp-content\\\/uploads\\\/2023\\\/08\\\/Residencial-Can-Calderon-05.jpg&quot;},{&quot;src&quot;:&quot;https:\\\/\\\/www.garciafaura.com\\\/wp-content\\\/uploads\\\/2023\\\/08\\\/Residencial-Can-Calderon-04.jpg&quot;},{&quot;src&quot;:&quot;https:\\\/\\\/www.garciafaura.com\\\/wp-content\\\/uploads\\\/2023\\\/08\\\/Residencial-Can-Calderon-03.jpg&quot;},{&quot;src&quot;:&quot;https:\\\/\\\/www.garciafaura.com\\\/wp-content\\\/uploads\\\/2023\\\/08\\\/Residencial-Can-Calderon-02.jpg&quot;}]\"><img loading=\"lazy\" decoding=\"async\" data-no-lazy=\"1\" class=\"portfolio-entry-img skip-lazy\" src=\"https:\/\/www.garciafaura.com\/wp-content\/uploads\/2023\/08\/Residencial-Can-Calderon-01-600x314.jpg\" alt='' data-no-retina width=\"600\" height=\"314\" \/><\/a><\/div><div class=\"portfolio-entry-details entry-details wpex-clr\"><h2 class=\"portfolio-entry-title entry-title\"><a href=\"https:\/\/www.garciafaura.com\/es\/portfolio-item\/residencial-can-calderon\/\" title=\"Residencial Can Calder\u00f3n\">Residencial Can Calder\u00f3n<\/a><\/h2><div class=\"portfolio-entry-categories entry-categories wpex-clr\"><a href=\"https:\/\/www.garciafaura.com\/es\/portfolio-category\/conjuntos-residenciales\/\" class=\"term-46\">Conjuntos residenciales<\/a><\/div><\/div><\/div><\/div><div class=\"portfolio-entry vcex-grid-item entry-has-details span_1_of_3 col col-1 vcex-isotope-entry vcex-no-margin-entry post-32292 entry type-portfolio has-media cat-46 cat-51 translation_priority-6\"><div class=\"portfolio-entry-inner entry-inner wpex-clr\"><div class=\"portfolio-entry-media entry-media wpex-clr\"><a href=\"https:\/\/www.garciafaura.com\/wp-content\/uploads\/2023\/07\/Meritxell-Andorra-01-1.jpg\" title=\"Promoci\u00f3n Meritxell Andorra\" class=\"portfolio-entry-media-link wpex-lightbox-gallery\" data-gallery=\"[{&quot;src&quot;:&quot;https:\\\/\\\/www.garciafaura.com\\\/wp-content\\\/uploads\\\/2023\\\/07\\\/Meritxell-Andorra-01-1.jpg&quot;},{&quot;src&quot;:&quot;https:\\\/\\\/www.garciafaura.com\\\/wp-content\\\/uploads\\\/2023\\\/07\\\/Meritxell-Andorra-05.jpg&quot;},{&quot;src&quot;:&quot;https:\\\/\\\/www.garciafaura.com\\\/wp-content\\\/uploads\\\/2023\\\/07\\\/Meritxell-Andorra-03-1.jpg&quot;},{&quot;src&quot;:&quot;https:\\\/\\\/www.garciafaura.com\\\/wp-content\\\/uploads\\\/2023\\\/07\\\/Meritxell-Andorra-02-1.jpg&quot;},{&quot;src&quot;:&quot;https:\\\/\\\/www.garciafaura.com\\\/wp-content\\\/uploads\\\/2023\\\/07\\\/Meritxell-Andorra-04.jpg&quot;}]\"><img loading=\"lazy\" decoding=\"async\" data-no-lazy=\"1\" class=\"portfolio-entry-img skip-lazy\" src=\"https:\/\/www.garciafaura.com\/wp-content\/uploads\/2023\/07\/Meritxell-Andorra-01-1-600x314.jpg\" alt='' data-no-retina width=\"600\" height=\"314\" \/><\/a><\/div><div class=\"portfolio-entry-details entry-details wpex-clr\"><h2 class=\"portfolio-entry-title entry-title\"><a href=\"https:\/\/www.garciafaura.com\/es\/portfolio-item\/promocio-meritxell-andorra\/\" title=\"Promoci\u00f3n Meritxell Andorra\">Promoci\u00f3n Meritxell Andorra<\/a><\/h2><div class=\"portfolio-entry-categories entry-categories wpex-clr\"><a href=\"https:\/\/www.garciafaura.com\/es\/portfolio-category\/conjuntos-residenciales\/\" class=\"term-46\">Conjuntos residenciales<\/a><\/div><\/div><\/div><\/div><div class=\"portfolio-entry vcex-grid-item entry-has-details span_1_of_3 col col-2 vcex-isotope-entry vcex-no-margin-entry post-31942 entry type-portfolio has-media cat-46 cat-49 cat-58 translation_priority-6\"><div class=\"portfolio-entry-inner entry-inner wpex-clr\"><div class=\"portfolio-entry-media entry-media wpex-clr\"><a href=\"https:\/\/www.garciafaura.com\/wp-content\/uploads\/2023\/04\/Habitatges-residencia-carrer-Mallorca-14.jpg\" title=\"Viviendas y residencia Mallorca 234\" class=\"portfolio-entry-media-link wpex-lightbox-gallery\" data-gallery=\"[{&quot;src&quot;:&quot;https:\\\/\\\/www.garciafaura.com\\\/wp-content\\\/uploads\\\/2023\\\/04\\\/Habitatges-residencia-carrer-Mallorca-14.jpg&quot;,&quot;title&quot;:&quot;GARCIA FAURA&quot;},{&quot;src&quot;:&quot;https:\\\/\\\/www.garciafaura.com\\\/wp-content\\\/uploads\\\/2023\\\/04\\\/Habitatges-residencia-carrer-Mallorca-32.jpg&quot;,&quot;title&quot;:&quot;GARCIA FAURA&quot;},{&quot;src&quot;:&quot;https:\\\/\\\/www.garciafaura.com\\\/wp-content\\\/uploads\\\/2023\\\/04\\\/Habitatges-residencia-carrer-Mallorca-31.jpg&quot;,&quot;title&quot;:&quot;GARCIA FAURA&quot;},{&quot;src&quot;:&quot;https:\\\/\\\/www.garciafaura.com\\\/wp-content\\\/uploads\\\/2023\\\/04\\\/Habitatges-residencia-carrer-Mallorca-30.jpg&quot;,&quot;title&quot;:&quot;GARCIA FAURA&quot;},{&quot;src&quot;:&quot;https:\\\/\\\/www.garciafaura.com\\\/wp-content\\\/uploads\\\/2023\\\/04\\\/Habitatges-residencia-carrer-Mallorca-29.jpg&quot;,&quot;title&quot;:&quot;GARCIA FAURA&quot;},{&quot;src&quot;:&quot;https:\\\/\\\/www.garciafaura.com\\\/wp-content\\\/uploads\\\/2023\\\/04\\\/Habitatges-residencia-carrer-Mallorca-28.jpg&quot;,&quot;title&quot;:&quot;GARCIA FAURA&quot;},{&quot;src&quot;:&quot;https:\\\/\\\/www.garciafaura.com\\\/wp-content\\\/uploads\\\/2023\\\/04\\\/Habitatges-residencia-carrer-Mallorca-27.jpg&quot;,&quot;title&quot;:&quot;GARCIA FAURA&quot;},{&quot;src&quot;:&quot;https:\\\/\\\/www.garciafaura.com\\\/wp-content\\\/uploads\\\/2023\\\/04\\\/Habitatges-residencia-carrer-Mallorca-26.jpg&quot;,&quot;title&quot;:&quot;GARCIA FAURA&quot;},{&quot;src&quot;:&quot;https:\\\/\\\/www.garciafaura.com\\\/wp-content\\\/uploads\\\/2023\\\/04\\\/Habitatges-residencia-carrer-Mallorca-25.jpg&quot;,&quot;title&quot;:&quot;GARCIA FAURA&quot;},{&quot;src&quot;:&quot;https:\\\/\\\/www.garciafaura.com\\\/wp-content\\\/uploads\\\/2023\\\/04\\\/Habitatges-residencia-carrer-Mallorca-24.jpg&quot;,&quot;title&quot;:&quot;GARCIA FAURA&quot;},{&quot;src&quot;:&quot;https:\\\/\\\/www.garciafaura.com\\\/wp-content\\\/uploads\\\/2023\\\/04\\\/Habitatges-residencia-carrer-Mallorca-23.jpg&quot;,&quot;title&quot;:&quot;GARCIA FAURA&quot;},{&quot;src&quot;:&quot;https:\\\/\\\/www.garciafaura.com\\\/wp-content\\\/uploads\\\/2023\\\/04\\\/Habitatges-residencia-carrer-Mallorca-22.jpg&quot;,&quot;title&quot;:&quot;GARCIA FAURA&quot;},{&quot;src&quot;:&quot;https:\\\/\\\/www.garciafaura.com\\\/wp-content\\\/uploads\\\/2023\\\/04\\\/Habitatges-residencia-carrer-Mallorca-21.jpg&quot;,&quot;title&quot;:&quot;GARCIA FAURA&quot;},{&quot;src&quot;:&quot;https:\\\/\\\/www.garciafaura.com\\\/wp-content\\\/uploads\\\/2023\\\/04\\\/Habitatges-residencia-carrer-Mallorca-20.jpg&quot;,&quot;title&quot;:&quot;GARCIA FAURA&quot;},{&quot;src&quot;:&quot;https:\\\/\\\/www.garciafaura.com\\\/wp-content\\\/uploads\\\/2023\\\/04\\\/Habitatges-residencia-carrer-Mallorca-19.jpg&quot;,&quot;title&quot;:&quot;GARCIA FAURA&quot;},{&quot;src&quot;:&quot;https:\\\/\\\/www.garciafaura.com\\\/wp-content\\\/uploads\\\/2023\\\/04\\\/Habitatges-residencia-carrer-Mallorca-18.jpg&quot;,&quot;title&quot;:&quot;GARCIA FAURA&quot;},{&quot;src&quot;:&quot;https:\\\/\\\/www.garciafaura.com\\\/wp-content\\\/uploads\\\/2023\\\/04\\\/Habitatges-residencia-carrer-Mallorca-17.jpg&quot;,&quot;title&quot;:&quot;GARCIA FAURA&quot;},{&quot;src&quot;:&quot;https:\\\/\\\/www.garciafaura.com\\\/wp-content\\\/uploads\\\/2023\\\/04\\\/Habitatges-residencia-carrer-Mallorca-16.jpg&quot;,&quot;title&quot;:&quot;GARCIA FAURA&quot;},{&quot;src&quot;:&quot;https:\\\/\\\/www.garciafaura.com\\\/wp-content\\\/uploads\\\/2023\\\/04\\\/Habitatges-residencia-carrer-Mallorca-15.jpg&quot;,&quot;title&quot;:&quot;GARCIA FAURA&quot;},{&quot;src&quot;:&quot;https:\\\/\\\/www.garciafaura.com\\\/wp-content\\\/uploads\\\/2023\\\/04\\\/Habitatges-residencia-carrer-Mallorca-13.jpg&quot;,&quot;title&quot;:&quot;GARCIA FAURA&quot;},{&quot;src&quot;:&quot;https:\\\/\\\/www.garciafaura.com\\\/wp-content\\\/uploads\\\/2023\\\/04\\\/Habitatges-residencia-carrer-Mallorca-12.jpg&quot;,&quot;title&quot;:&quot;GARCIA FAURA&quot;},{&quot;src&quot;:&quot;https:\\\/\\\/www.garciafaura.com\\\/wp-content\\\/uploads\\\/2023\\\/04\\\/Habitatges-residencia-carrer-Mallorca-11.jpg&quot;,&quot;title&quot;:&quot;GARCIA FAURA&quot;},{&quot;src&quot;:&quot;https:\\\/\\\/www.garciafaura.com\\\/wp-content\\\/uploads\\\/2023\\\/04\\\/Habitatges-residencia-carrer-Mallorca-10.jpg&quot;,&quot;title&quot;:&quot;GARCIA FAURA&quot;},{&quot;src&quot;:&quot;https:\\\/\\\/www.garciafaura.com\\\/wp-content\\\/uploads\\\/2023\\\/04\\\/Habitatges-residencia-carrer-Mallorca-9.jpg&quot;,&quot;title&quot;:&quot;GARCIA FAURA&quot;},{&quot;src&quot;:&quot;https:\\\/\\\/www.garciafaura.com\\\/wp-content\\\/uploads\\\/2023\\\/04\\\/Habitatges-residencia-carrer-Mallorca-8.jpg&quot;,&quot;title&quot;:&quot;GARCIA FAURA&quot;},{&quot;src&quot;:&quot;https:\\\/\\\/www.garciafaura.com\\\/wp-content\\\/uploads\\\/2023\\\/04\\\/Habitatges-residencia-carrer-Mallorca-7.jpg&quot;,&quot;title&quot;:&quot;GARCIA FAURA&quot;},{&quot;src&quot;:&quot;https:\\\/\\\/www.garciafaura.com\\\/wp-content\\\/uploads\\\/2023\\\/04\\\/Habitatges-residencia-carrer-Mallorca-6.jpg&quot;,&quot;title&quot;:&quot;GARCIA FAURA&quot;},{&quot;src&quot;:&quot;https:\\\/\\\/www.garciafaura.com\\\/wp-content\\\/uploads\\\/2023\\\/04\\\/Habitatges-residencia-carrer-Mallorca-5.jpg&quot;,&quot;title&quot;:&quot;GARCIA FAURA&quot;},{&quot;src&quot;:&quot;https:\\\/\\\/www.garciafaura.com\\\/wp-content\\\/uploads\\\/2023\\\/04\\\/Habitatges-residencia-carrer-Mallorca-4.jpg&quot;,&quot;title&quot;:&quot;GARCIA FAURA&quot;},{&quot;src&quot;:&quot;https:\\\/\\\/www.garciafaura.com\\\/wp-content\\\/uploads\\\/2023\\\/04\\\/Habitatges-residencia-carrer-Mallorca-3.jpg&quot;,&quot;title&quot;:&quot;GARCIA FAURA&quot;},{&quot;src&quot;:&quot;https:\\\/\\\/www.garciafaura.com\\\/wp-content\\\/uploads\\\/2023\\\/04\\\/Habitatges-residencia-carrer-Mallorca-2.jpg&quot;,&quot;title&quot;:&quot;GARCIA FAURA&quot;},{&quot;src&quot;:&quot;https:\\\/\\\/www.garciafaura.com\\\/wp-content\\\/uploads\\\/2023\\\/04\\\/Habitatges-residencia-carrer-Mallorca-1.jpg&quot;,&quot;title&quot;:&quot;GARCIA FAURA&quot;}]\"><img loading=\"lazy\" decoding=\"async\" data-no-lazy=\"1\" class=\"portfolio-entry-img skip-lazy\" src=\"https:\/\/www.garciafaura.com\/wp-content\/uploads\/2023\/04\/Habitatges-residencia-carrer-Mallorca-14-600x314.jpg\" alt=\"GARCIA FAURA\" data-no-retina width=\"600\" height=\"314\" \/><\/a><\/div><div class=\"portfolio-entry-details entry-details wpex-clr\"><h2 class=\"portfolio-entry-title entry-title\"><a href=\"https:\/\/www.garciafaura.com\/es\/portfolio-item\/habitatges-i-residencia-mallorca-234\/\" title=\"Viviendas y residencia Mallorca 234\">Viviendas y residencia Mallorca 234<\/a><\/h2><div class=\"portfolio-entry-categories entry-categories wpex-clr\"><a href=\"https:\/\/www.garciafaura.com\/es\/portfolio-category\/conjuntos-residenciales\/\" class=\"term-46\">Conjuntos residenciales<\/a><\/div><\/div><\/div><\/div><div class=\"portfolio-entry vcex-grid-item entry-has-details span_1_of_3 col col-3 vcex-isotope-entry vcex-no-margin-entry post-31919 entry type-portfolio has-media cat-46 translation_priority-6\"><div class=\"portfolio-entry-inner entry-inner wpex-clr\"><div class=\"portfolio-entry-media entry-media wpex-clr\"><a href=\"https:\/\/www.garciafaura.com\/wp-content\/uploads\/2023\/04\/Promocio-Carrer-Gava-01.jpg\" title=\"Promocio\u0301n Calle Gava\u0300 Barcelona\" class=\"portfolio-entry-media-link wpex-lightbox-gallery\" data-gallery=\"[{&quot;src&quot;:&quot;https:\\\/\\\/www.garciafaura.com\\\/wp-content\\\/uploads\\\/2023\\\/04\\\/Promocio-Carrer-Gava-01.jpg&quot;},{&quot;src&quot;:&quot;https:\\\/\\\/www.garciafaura.com\\\/wp-content\\\/uploads\\\/2023\\\/04\\\/Promocio-Carrer-Gava-16.jpg&quot;},{&quot;src&quot;:&quot;https:\\\/\\\/www.garciafaura.com\\\/wp-content\\\/uploads\\\/2023\\\/04\\\/Promocio-Carrer-Gava-15.jpg&quot;},{&quot;src&quot;:&quot;https:\\\/\\\/www.garciafaura.com\\\/wp-content\\\/uploads\\\/2023\\\/04\\\/Promocio-Carrer-Gava-14.jpg&quot;},{&quot;src&quot;:&quot;https:\\\/\\\/www.garciafaura.com\\\/wp-content\\\/uploads\\\/2023\\\/04\\\/Promocio-Carrer-Gava-13.jpg&quot;},{&quot;src&quot;:&quot;https:\\\/\\\/www.garciafaura.com\\\/wp-content\\\/uploads\\\/2023\\\/04\\\/Promocio-Carrer-Gava-12.jpg&quot;},{&quot;src&quot;:&quot;https:\\\/\\\/www.garciafaura.com\\\/wp-content\\\/uploads\\\/2023\\\/04\\\/Promocio-Carrer-Gava-11.jpg&quot;},{&quot;src&quot;:&quot;https:\\\/\\\/www.garciafaura.com\\\/wp-content\\\/uploads\\\/2023\\\/04\\\/Promocio-Carrer-Gava-10.jpg&quot;},{&quot;src&quot;:&quot;https:\\\/\\\/www.garciafaura.com\\\/wp-content\\\/uploads\\\/2023\\\/04\\\/Promocio-Carrer-Gava-09.jpg&quot;},{&quot;src&quot;:&quot;https:\\\/\\\/www.garciafaura.com\\\/wp-content\\\/uploads\\\/2023\\\/04\\\/Promocio-Carrer-Gava-08.jpg&quot;},{&quot;src&quot;:&quot;https:\\\/\\\/www.garciafaura.com\\\/wp-content\\\/uploads\\\/2023\\\/04\\\/Promocio-Carrer-Gava-07.jpg&quot;},{&quot;src&quot;:&quot;https:\\\/\\\/www.garciafaura.com\\\/wp-content\\\/uploads\\\/2023\\\/04\\\/Promocio-Carrer-Gava-06.jpg&quot;},{&quot;src&quot;:&quot;https:\\\/\\\/www.garciafaura.com\\\/wp-content\\\/uploads\\\/2023\\\/04\\\/Promocio-Carrer-Gava-05.jpg&quot;},{&quot;src&quot;:&quot;https:\\\/\\\/www.garciafaura.com\\\/wp-content\\\/uploads\\\/2023\\\/04\\\/Promocio-Carrer-Gava-04.jpg&quot;},{&quot;src&quot;:&quot;https:\\\/\\\/www.garciafaura.com\\\/wp-content\\\/uploads\\\/2023\\\/04\\\/Promocio-Carrer-Gava-03.jpg&quot;},{&quot;src&quot;:&quot;https:\\\/\\\/www.garciafaura.com\\\/wp-content\\\/uploads\\\/2023\\\/04\\\/Promocio-Carrer-Gava-02.jpg&quot;}]\"><img loading=\"lazy\" decoding=\"async\" data-no-lazy=\"1\" class=\"portfolio-entry-img skip-lazy\" src=\"https:\/\/www.garciafaura.com\/wp-content\/uploads\/2023\/04\/Promocio-Carrer-Gava-01-600x314.jpg\" alt='' data-no-retina width=\"600\" height=\"314\" \/><\/a><\/div><div class=\"portfolio-entry-details entry-details wpex-clr\"><h2 class=\"portfolio-entry-title entry-title\"><a href=\"https:\/\/www.garciafaura.com\/es\/portfolio-item\/promocio-carrer-gava-barcelona\/\" title=\"Promocio\u0301n Calle Gava\u0300 Barcelona\">Promocio\u0301n Calle Gava\u0300 Barcelona<\/a><\/h2><div class=\"portfolio-entry-categories entry-categories wpex-clr\"><a href=\"https:\/\/www.garciafaura.com\/es\/portfolio-category\/conjuntos-residenciales\/\" class=\"term-46\">Conjuntos residenciales<\/a><\/div><\/div><\/div><\/div><div class=\"portfolio-entry vcex-grid-item entry-has-details span_1_of_3 col col-1 vcex-isotope-entry vcex-no-margin-entry post-31425 entry type-portfolio has-media cat-46 translation_priority-6\"><div class=\"portfolio-entry-inner entry-inner wpex-clr\"><div class=\"portfolio-entry-media entry-media wpex-clr\"><a href=\"https:\/\/www.garciafaura.com\/wp-content\/uploads\/2023\/02\/Promocio-Sardenya-01.jpg\" title=\"Residencial Sardenya\" class=\"portfolio-entry-media-link wpex-lightbox-gallery\" data-gallery=\"[{&quot;src&quot;:&quot;https:\\\/\\\/www.garciafaura.com\\\/wp-content\\\/uploads\\\/2023\\\/02\\\/Promocio-Sardenya-01.jpg&quot;},{&quot;src&quot;:&quot;https:\\\/\\\/www.garciafaura.com\\\/wp-content\\\/uploads\\\/2023\\\/02\\\/Promocio-Sardenya-19.jpg&quot;},{&quot;src&quot;:&quot;https:\\\/\\\/www.garciafaura.com\\\/wp-content\\\/uploads\\\/2023\\\/02\\\/Promocio-Sardenya-18.jpg&quot;},{&quot;src&quot;:&quot;https:\\\/\\\/www.garciafaura.com\\\/wp-content\\\/uploads\\\/2023\\\/02\\\/Promocio-Sardenya-17.jpg&quot;},{&quot;src&quot;:&quot;https:\\\/\\\/www.garciafaura.com\\\/wp-content\\\/uploads\\\/2023\\\/02\\\/Promocio-Sardenya-16.jpg&quot;},{&quot;src&quot;:&quot;https:\\\/\\\/www.garciafaura.com\\\/wp-content\\\/uploads\\\/2023\\\/02\\\/Promocio-Sardenya-15.jpg&quot;},{&quot;src&quot;:&quot;https:\\\/\\\/www.garciafaura.com\\\/wp-content\\\/uploads\\\/2023\\\/02\\\/Promocio-Sardenya-14.jpg&quot;},{&quot;src&quot;:&quot;https:\\\/\\\/www.garciafaura.com\\\/wp-content\\\/uploads\\\/2023\\\/02\\\/Promocio-Sardenya-13.jpg&quot;},{&quot;src&quot;:&quot;https:\\\/\\\/www.garciafaura.com\\\/wp-content\\\/uploads\\\/2023\\\/02\\\/Promocio-Sardenya-12.jpg&quot;},{&quot;src&quot;:&quot;https:\\\/\\\/www.garciafaura.com\\\/wp-content\\\/uploads\\\/2023\\\/02\\\/Promocio-Sardenya-11.jpg&quot;},{&quot;src&quot;:&quot;https:\\\/\\\/www.garciafaura.com\\\/wp-content\\\/uploads\\\/2023\\\/02\\\/Promocio-Sardenya-10.jpg&quot;},{&quot;src&quot;:&quot;https:\\\/\\\/www.garciafaura.com\\\/wp-content\\\/uploads\\\/2023\\\/02\\\/Promocio-Sardenya-09.jpg&quot;},{&quot;src&quot;:&quot;https:\\\/\\\/www.garciafaura.com\\\/wp-content\\\/uploads\\\/2023\\\/02\\\/Promocio-Sardenya-08.jpg&quot;},{&quot;src&quot;:&quot;https:\\\/\\\/www.garciafaura.com\\\/wp-content\\\/uploads\\\/2023\\\/02\\\/Promocio-Sardenya-07.jpg&quot;},{&quot;src&quot;:&quot;https:\\\/\\\/www.garciafaura.com\\\/wp-content\\\/uploads\\\/2023\\\/02\\\/Promocio-Sardenya-06.jpg&quot;},{&quot;src&quot;:&quot;https:\\\/\\\/www.garciafaura.com\\\/wp-content\\\/uploads\\\/2023\\\/02\\\/Promocio-Sardenya-05.jpg&quot;},{&quot;src&quot;:&quot;https:\\\/\\\/www.garciafaura.com\\\/wp-content\\\/uploads\\\/2023\\\/02\\\/Promocio-Sardenya-04.jpg&quot;},{&quot;src&quot;:&quot;https:\\\/\\\/www.garciafaura.com\\\/wp-content\\\/uploads\\\/2023\\\/02\\\/Promocio-Sardenya-03.jpg&quot;},{&quot;src&quot;:&quot;https:\\\/\\\/www.garciafaura.com\\\/wp-content\\\/uploads\\\/2023\\\/02\\\/Promocio-Sardenya-02.jpg&quot;}]\"><img loading=\"lazy\" decoding=\"async\" data-no-lazy=\"1\" class=\"portfolio-entry-img skip-lazy\" src=\"https:\/\/www.garciafaura.com\/wp-content\/uploads\/2023\/02\/Promocio-Sardenya-01-600x314.jpg\" alt='' data-no-retina width=\"600\" height=\"314\" \/><\/a><\/div><div class=\"portfolio-entry-details entry-details wpex-clr\"><h2 class=\"portfolio-entry-title entry-title\"><a href=\"https:\/\/www.garciafaura.com\/es\/portfolio-item\/residencial-sardenya\/\" title=\"Residencial Sardenya\">Residencial Sardenya<\/a><\/h2><div class=\"portfolio-entry-categories entry-categories wpex-clr\"><a href=\"https:\/\/www.garciafaura.com\/es\/portfolio-category\/conjuntos-residenciales\/\" class=\"term-46\">Conjuntos residenciales<\/a><\/div><\/div><\/div><\/div><div class=\"portfolio-entry vcex-grid-item entry-has-details span_1_of_3 col col-2 vcex-isotope-entry vcex-no-margin-entry post-31392 entry type-portfolio has-media cat-46 translation_priority-6\"><div class=\"portfolio-entry-inner entry-inner wpex-clr\"><div class=\"portfolio-entry-media entry-media wpex-clr\"><a href=\"https:\/\/www.garciafaura.com\/wp-content\/uploads\/2023\/02\/La-Sinia-Martorell-28.jpg\" title=\"Promoci\u00f3n La S\u00ednia Martorell\" class=\"portfolio-entry-media-link wpex-lightbox-gallery\" data-gallery=\"[{&quot;src&quot;:&quot;https:\\\/\\\/www.garciafaura.com\\\/wp-content\\\/uploads\\\/2023\\\/02\\\/La-Sinia-Martorell-28.jpg&quot;},{&quot;src&quot;:&quot;https:\\\/\\\/www.garciafaura.com\\\/wp-content\\\/uploads\\\/2023\\\/02\\\/La-Sinia-Martorell-01.jpg&quot;},{&quot;src&quot;:&quot;https:\\\/\\\/www.garciafaura.com\\\/wp-content\\\/uploads\\\/2023\\\/02\\\/La-Sinia-Martorell-33.jpg&quot;},{&quot;src&quot;:&quot;https:\\\/\\\/www.garciafaura.com\\\/wp-content\\\/uploads\\\/2023\\\/02\\\/La-Sinia-Martorell-32.jpg&quot;},{&quot;src&quot;:&quot;https:\\\/\\\/www.garciafaura.com\\\/wp-content\\\/uploads\\\/2023\\\/02\\\/La-Sinia-Martorell-31.jpg&quot;},{&quot;src&quot;:&quot;https:\\\/\\\/www.garciafaura.com\\\/wp-content\\\/uploads\\\/2023\\\/02\\\/La-Sinia-Martorell-30.jpg&quot;},{&quot;src&quot;:&quot;https:\\\/\\\/www.garciafaura.com\\\/wp-content\\\/uploads\\\/2023\\\/02\\\/La-Sinia-Martorell-29.jpg&quot;},{&quot;src&quot;:&quot;https:\\\/\\\/www.garciafaura.com\\\/wp-content\\\/uploads\\\/2023\\\/02\\\/La-Sinia-Martorell-27.jpg&quot;},{&quot;src&quot;:&quot;https:\\\/\\\/www.garciafaura.com\\\/wp-content\\\/uploads\\\/2023\\\/02\\\/La-Sinia-Martorell-26.jpg&quot;},{&quot;src&quot;:&quot;https:\\\/\\\/www.garciafaura.com\\\/wp-content\\\/uploads\\\/2023\\\/02\\\/La-Sinia-Martorell-25.jpg&quot;},{&quot;src&quot;:&quot;https:\\\/\\\/www.garciafaura.com\\\/wp-content\\\/uploads\\\/2023\\\/02\\\/La-Sinia-Martorell-24.jpg&quot;},{&quot;src&quot;:&quot;https:\\\/\\\/www.garciafaura.com\\\/wp-content\\\/uploads\\\/2023\\\/02\\\/La-Sinia-Martorell-23.jpg&quot;},{&quot;src&quot;:&quot;https:\\\/\\\/www.garciafaura.com\\\/wp-content\\\/uploads\\\/2023\\\/02\\\/La-Sinia-Martorell-22.jpg&quot;},{&quot;src&quot;:&quot;https:\\\/\\\/www.garciafaura.com\\\/wp-content\\\/uploads\\\/2023\\\/02\\\/La-Sinia-Martorell-21.jpg&quot;},{&quot;src&quot;:&quot;https:\\\/\\\/www.garciafaura.com\\\/wp-content\\\/uploads\\\/2023\\\/02\\\/La-Sinia-Martorell-20.jpg&quot;},{&quot;src&quot;:&quot;https:\\\/\\\/www.garciafaura.com\\\/wp-content\\\/uploads\\\/2023\\\/02\\\/La-Sinia-Martorell-19.jpg&quot;},{&quot;src&quot;:&quot;https:\\\/\\\/www.garciafaura.com\\\/wp-content\\\/uploads\\\/2023\\\/02\\\/La-Sinia-Martorell-18.jpg&quot;},{&quot;src&quot;:&quot;https:\\\/\\\/www.garciafaura.com\\\/wp-content\\\/uploads\\\/2023\\\/02\\\/La-Sinia-Martorell-17.jpg&quot;},{&quot;src&quot;:&quot;https:\\\/\\\/www.garciafaura.com\\\/wp-content\\\/uploads\\\/2023\\\/02\\\/La-Sinia-Martorell-16.jpg&quot;},{&quot;src&quot;:&quot;https:\\\/\\\/www.garciafaura.com\\\/wp-content\\\/uploads\\\/2023\\\/02\\\/La-Sinia-Martorell-15.jpg&quot;},{&quot;src&quot;:&quot;https:\\\/\\\/www.garciafaura.com\\\/wp-content\\\/uploads\\\/2023\\\/02\\\/La-Sinia-Martorell-14.jpg&quot;},{&quot;src&quot;:&quot;https:\\\/\\\/www.garciafaura.com\\\/wp-content\\\/uploads\\\/2023\\\/02\\\/La-Sinia-Martorell-13.jpg&quot;},{&quot;src&quot;:&quot;https:\\\/\\\/www.garciafaura.com\\\/wp-content\\\/uploads\\\/2023\\\/02\\\/La-Sinia-Martorell-12.jpg&quot;},{&quot;src&quot;:&quot;https:\\\/\\\/www.garciafaura.com\\\/wp-content\\\/uploads\\\/2023\\\/02\\\/La-Sinia-Martorell-11.jpg&quot;},{&quot;src&quot;:&quot;https:\\\/\\\/www.garciafaura.com\\\/wp-content\\\/uploads\\\/2023\\\/02\\\/La-Sinia-Martorell-10.jpg&quot;},{&quot;src&quot;:&quot;https:\\\/\\\/www.garciafaura.com\\\/wp-content\\\/uploads\\\/2023\\\/02\\\/La-Sinia-Martorell-09.jpg&quot;},{&quot;src&quot;:&quot;https:\\\/\\\/www.garciafaura.com\\\/wp-content\\\/uploads\\\/2023\\\/02\\\/La-Sinia-Martorell-08.jpg&quot;},{&quot;src&quot;:&quot;https:\\\/\\\/www.garciafaura.com\\\/wp-content\\\/uploads\\\/2023\\\/02\\\/La-Sinia-Martorell-07.jpg&quot;},{&quot;src&quot;:&quot;https:\\\/\\\/www.garciafaura.com\\\/wp-content\\\/uploads\\\/2023\\\/02\\\/La-Sinia-Martorell-06.jpg&quot;},{&quot;src&quot;:&quot;https:\\\/\\\/www.garciafaura.com\\\/wp-content\\\/uploads\\\/2023\\\/02\\\/La-Sinia-Martorell-05.jpg&quot;},{&quot;src&quot;:&quot;https:\\\/\\\/www.garciafaura.com\\\/wp-content\\\/uploads\\\/2023\\\/02\\\/La-Sinia-Martorell-04.jpg&quot;},{&quot;src&quot;:&quot;https:\\\/\\\/www.garciafaura.com\\\/wp-content\\\/uploads\\\/2023\\\/02\\\/La-Sinia-Martorell-03.jpg&quot;},{&quot;src&quot;:&quot;https:\\\/\\\/www.garciafaura.com\\\/wp-content\\\/uploads\\\/2023\\\/02\\\/La-Sinia-Martorell-02.jpg&quot;}]\"><img loading=\"lazy\" decoding=\"async\" data-no-lazy=\"1\" class=\"portfolio-entry-img skip-lazy\" src=\"https:\/\/www.garciafaura.com\/wp-content\/uploads\/2023\/02\/La-Sinia-Martorell-28-600x314.jpg\" alt='' data-no-retina width=\"600\" height=\"314\" \/><\/a><\/div><div class=\"portfolio-entry-details entry-details wpex-clr\"><h2 class=\"portfolio-entry-title entry-title\"><a href=\"https:\/\/www.garciafaura.com\/es\/portfolio-item\/promocio-la-sinia-martorell\/\" title=\"Promoci\u00f3n La S\u00ednia Martorell\">Promoci\u00f3n La S\u00ednia Martorell<\/a><\/h2><div class=\"portfolio-entry-categories entry-categories wpex-clr\"><a href=\"https:\/\/www.garciafaura.com\/es\/portfolio-category\/conjuntos-residenciales\/\" class=\"term-46\">Conjuntos residenciales<\/a><\/div><\/div><\/div><\/div><div class=\"portfolio-entry vcex-grid-item entry-has-details span_1_of_3 col col-3 vcex-isotope-entry vcex-no-margin-entry post-31297 entry type-portfolio has-media cat-46 translation_priority-6\"><div class=\"portfolio-entry-inner entry-inner wpex-clr\"><div class=\"portfolio-entry-media entry-media wpex-clr\"><a href=\"https:\/\/www.garciafaura.com\/wp-content\/uploads\/2023\/02\/Marina-Prat-Vermell-1.jpg\" title=\"Edificios Berl\u00edn y Lisboa (Barcelona)\" class=\"portfolio-entry-media-link wpex-lightbox-gallery\" data-gallery=\"[{&quot;src&quot;:&quot;https:\\\/\\\/www.garciafaura.com\\\/wp-content\\\/uploads\\\/2023\\\/02\\\/Marina-Prat-Vermell-1.jpg&quot;},{&quot;src&quot;:&quot;https:\\\/\\\/www.garciafaura.com\\\/wp-content\\\/uploads\\\/2023\\\/02\\\/Marina-Prat-Vermell-29.jpg&quot;},{&quot;src&quot;:&quot;https:\\\/\\\/www.garciafaura.com\\\/wp-content\\\/uploads\\\/2023\\\/02\\\/Marina-Prat-Vermell-28.jpg&quot;},{&quot;src&quot;:&quot;https:\\\/\\\/www.garciafaura.com\\\/wp-content\\\/uploads\\\/2023\\\/02\\\/Marina-Prat-Vermell-27.jpg&quot;},{&quot;src&quot;:&quot;https:\\\/\\\/www.garciafaura.com\\\/wp-content\\\/uploads\\\/2023\\\/02\\\/Marina-Prat-Vermell-26.jpg&quot;},{&quot;src&quot;:&quot;https:\\\/\\\/www.garciafaura.com\\\/wp-content\\\/uploads\\\/2023\\\/02\\\/Marina-Prat-Vermell-25.jpg&quot;},{&quot;src&quot;:&quot;https:\\\/\\\/www.garciafaura.com\\\/wp-content\\\/uploads\\\/2023\\\/02\\\/Marina-Prat-Vermell-24.jpg&quot;},{&quot;src&quot;:&quot;https:\\\/\\\/www.garciafaura.com\\\/wp-content\\\/uploads\\\/2023\\\/02\\\/Marina-Prat-Vermell-23.jpg&quot;},{&quot;src&quot;:&quot;https:\\\/\\\/www.garciafaura.com\\\/wp-content\\\/uploads\\\/2023\\\/02\\\/Marina-Prat-Vermell-22.jpg&quot;},{&quot;src&quot;:&quot;https:\\\/\\\/www.garciafaura.com\\\/wp-content\\\/uploads\\\/2023\\\/02\\\/Marina-Prat-Vermell-21.jpg&quot;},{&quot;src&quot;:&quot;https:\\\/\\\/www.garciafaura.com\\\/wp-content\\\/uploads\\\/2023\\\/02\\\/Marina-Prat-Vermell-20.jpg&quot;},{&quot;src&quot;:&quot;https:\\\/\\\/www.garciafaura.com\\\/wp-content\\\/uploads\\\/2023\\\/02\\\/Marina-Prat-Vermell-19.jpg&quot;},{&quot;src&quot;:&quot;https:\\\/\\\/www.garciafaura.com\\\/wp-content\\\/uploads\\\/2023\\\/02\\\/Marina-Prat-Vermell-18.jpg&quot;},{&quot;src&quot;:&quot;https:\\\/\\\/www.garciafaura.com\\\/wp-content\\\/uploads\\\/2023\\\/02\\\/Marina-Prat-Vermell-17.jpg&quot;},{&quot;src&quot;:&quot;https:\\\/\\\/www.garciafaura.com\\\/wp-content\\\/uploads\\\/2023\\\/02\\\/Marina-Prat-Vermell-16.jpg&quot;},{&quot;src&quot;:&quot;https:\\\/\\\/www.garciafaura.com\\\/wp-content\\\/uploads\\\/2023\\\/02\\\/Marina-Prat-Vermell-15.jpg&quot;},{&quot;src&quot;:&quot;https:\\\/\\\/www.garciafaura.com\\\/wp-content\\\/uploads\\\/2023\\\/02\\\/Marina-Prat-Vermell-14.jpg&quot;},{&quot;src&quot;:&quot;https:\\\/\\\/www.garciafaura.com\\\/wp-content\\\/uploads\\\/2023\\\/02\\\/Marina-Prat-Vermell-13.jpg&quot;},{&quot;src&quot;:&quot;https:\\\/\\\/www.garciafaura.com\\\/wp-content\\\/uploads\\\/2023\\\/02\\\/Marina-Prat-Vermell-12.jpg&quot;},{&quot;src&quot;:&quot;https:\\\/\\\/www.garciafaura.com\\\/wp-content\\\/uploads\\\/2023\\\/02\\\/Marina-Prat-Vermell-11.jpg&quot;},{&quot;src&quot;:&quot;https:\\\/\\\/www.garciafaura.com\\\/wp-content\\\/uploads\\\/2023\\\/02\\\/Marina-Prat-Vermell-10.jpg&quot;},{&quot;src&quot;:&quot;https:\\\/\\\/www.garciafaura.com\\\/wp-content\\\/uploads\\\/2023\\\/02\\\/Marina-Prat-Vermell-9.jpg&quot;},{&quot;src&quot;:&quot;https:\\\/\\\/www.garciafaura.com\\\/wp-content\\\/uploads\\\/2023\\\/02\\\/Marina-Prat-Vermell-8.jpg&quot;},{&quot;src&quot;:&quot;https:\\\/\\\/www.garciafaura.com\\\/wp-content\\\/uploads\\\/2023\\\/02\\\/Marina-Prat-Vermell-7.jpg&quot;},{&quot;src&quot;:&quot;https:\\\/\\\/www.garciafaura.com\\\/wp-content\\\/uploads\\\/2023\\\/02\\\/Marina-Prat-Vermell-6.jpg&quot;},{&quot;src&quot;:&quot;https:\\\/\\\/www.garciafaura.com\\\/wp-content\\\/uploads\\\/2023\\\/02\\\/Marina-Prat-Vermell-5.jpg&quot;},{&quot;src&quot;:&quot;https:\\\/\\\/www.garciafaura.com\\\/wp-content\\\/uploads\\\/2023\\\/02\\\/Marina-Prat-Vermell-4.jpg&quot;},{&quot;src&quot;:&quot;https:\\\/\\\/www.garciafaura.com\\\/wp-content\\\/uploads\\\/2023\\\/02\\\/Marina-Prat-Vermell-3.jpg&quot;},{&quot;src&quot;:&quot;https:\\\/\\\/www.garciafaura.com\\\/wp-content\\\/uploads\\\/2023\\\/02\\\/Marina-Prat-Vermell-2.jpg&quot;}]\"><img loading=\"lazy\" decoding=\"async\" data-no-lazy=\"1\" class=\"portfolio-entry-img skip-lazy\" src=\"https:\/\/www.garciafaura.com\/wp-content\/uploads\/2023\/02\/Marina-Prat-Vermell-1-600x314.jpg\" alt='' data-no-retina width=\"600\" height=\"314\" \/><\/a><\/div><div class=\"portfolio-entry-details entry-details wpex-clr\"><h2 class=\"portfolio-entry-title entry-title\"><a href=\"https:\/\/www.garciafaura.com\/es\/portfolio-item\/marina-del-prat-vermell-illa-a\/\" title=\"Edificios Berl\u00edn y Lisboa (Barcelona)\">Edificios Berl\u00edn y Lisboa (Barcelona)<\/a><\/h2><div class=\"portfolio-entry-categories entry-categories wpex-clr\"><a href=\"https:\/\/www.garciafaura.com\/es\/portfolio-category\/conjuntos-residenciales\/\" class=\"term-46\">Conjuntos residenciales<\/a><\/div><\/div><\/div><\/div><div class=\"portfolio-entry vcex-grid-item entry-has-details span_1_of_3 col col-1 vcex-isotope-entry vcex-no-margin-entry post-30970 entry type-portfolio has-media cat-46 translation_priority-6\"><div class=\"portfolio-entry-inner entry-inner wpex-clr\"><div class=\"portfolio-entry-media entry-media wpex-clr\"><a href=\"https:\/\/www.garciafaura.com\/wp-content\/uploads\/2022\/11\/Mirador-Maresme-4.jpg\" title=\"Promoci\u00f3n Mirador del Maresme\" class=\"portfolio-entry-media-link wpex-lightbox-gallery\" data-gallery=\"[{&quot;src&quot;:&quot;https:\\\/\\\/www.garciafaura.com\\\/wp-content\\\/uploads\\\/2022\\\/11\\\/Mirador-Maresme-1.jpg&quot;,&quot;title&quot;:&quot;Mirador Maresme Garcia Faura&quot;},{&quot;src&quot;:&quot;https:\\\/\\\/www.garciafaura.com\\\/wp-content\\\/uploads\\\/2022\\\/11\\\/Mirador-Maresme-30.jpg&quot;,&quot;title&quot;:&quot;Mirador Maresme Garcia Faura&quot;},{&quot;src&quot;:&quot;https:\\\/\\\/www.garciafaura.com\\\/wp-content\\\/uploads\\\/2022\\\/11\\\/Mirador-Maresme-29.jpg&quot;,&quot;title&quot;:&quot;Mirador Maresme Garcia Faura&quot;},{&quot;src&quot;:&quot;https:\\\/\\\/www.garciafaura.com\\\/wp-content\\\/uploads\\\/2022\\\/11\\\/Mirador-Maresme-28.jpg&quot;,&quot;title&quot;:&quot;Mirador Maresme Garcia Faura&quot;},{&quot;src&quot;:&quot;https:\\\/\\\/www.garciafaura.com\\\/wp-content\\\/uploads\\\/2022\\\/11\\\/Mirador-Maresme-27.jpg&quot;,&quot;title&quot;:&quot;Mirador Maresme Garcia Faura&quot;},{&quot;src&quot;:&quot;https:\\\/\\\/www.garciafaura.com\\\/wp-content\\\/uploads\\\/2022\\\/11\\\/Mirador-Maresme-26.jpg&quot;,&quot;title&quot;:&quot;Mirador Maresme Garcia Faura&quot;},{&quot;src&quot;:&quot;https:\\\/\\\/www.garciafaura.com\\\/wp-content\\\/uploads\\\/2022\\\/11\\\/Mirador-Maresme-25.jpg&quot;,&quot;title&quot;:&quot;Mirador Maresme Garcia Faura&quot;},{&quot;src&quot;:&quot;https:\\\/\\\/www.garciafaura.com\\\/wp-content\\\/uploads\\\/2022\\\/11\\\/Mirador-Maresme-24.jpg&quot;,&quot;title&quot;:&quot;Mirador Maresme Garcia Faura&quot;},{&quot;src&quot;:&quot;https:\\\/\\\/www.garciafaura.com\\\/wp-content\\\/uploads\\\/2022\\\/11\\\/Mirador-Maresme-23.jpg&quot;,&quot;title&quot;:&quot;Mirador Maresme Garcia Faura&quot;},{&quot;src&quot;:&quot;https:\\\/\\\/www.garciafaura.com\\\/wp-content\\\/uploads\\\/2022\\\/11\\\/Mirador-Maresme-22.jpg&quot;,&quot;title&quot;:&quot;Mirador Maresme Garcia Faura&quot;},{&quot;src&quot;:&quot;https:\\\/\\\/www.garciafaura.com\\\/wp-content\\\/uploads\\\/2022\\\/11\\\/Mirador-Maresme-21.jpg&quot;,&quot;title&quot;:&quot;Mirador Maresme Garcia Faura&quot;},{&quot;src&quot;:&quot;https:\\\/\\\/www.garciafaura.com\\\/wp-content\\\/uploads\\\/2022\\\/11\\\/Mirador-Maresme-20.jpg&quot;,&quot;title&quot;:&quot;Mirador Maresme Garcia Faura&quot;},{&quot;src&quot;:&quot;https:\\\/\\\/www.garciafaura.com\\\/wp-content\\\/uploads\\\/2022\\\/11\\\/Mirador-Maresme-19.jpg&quot;,&quot;title&quot;:&quot;Mirador Maresme Garcia Faura&quot;},{&quot;src&quot;:&quot;https:\\\/\\\/www.garciafaura.com\\\/wp-content\\\/uploads\\\/2022\\\/11\\\/Mirador-Maresme-18.jpg&quot;,&quot;title&quot;:&quot;Mirador Maresme Garcia Faura&quot;},{&quot;src&quot;:&quot;https:\\\/\\\/www.garciafaura.com\\\/wp-content\\\/uploads\\\/2022\\\/11\\\/Mirador-Maresme-17.jpg&quot;,&quot;title&quot;:&quot;Mirador Maresme Garcia Faura&quot;},{&quot;src&quot;:&quot;https:\\\/\\\/www.garciafaura.com\\\/wp-content\\\/uploads\\\/2022\\\/11\\\/Mirador-Maresme-16.jpg&quot;,&quot;title&quot;:&quot;Mirador Maresme Garcia Faura&quot;},{&quot;src&quot;:&quot;https:\\\/\\\/www.garciafaura.com\\\/wp-content\\\/uploads\\\/2022\\\/11\\\/Mirador-Maresme-15.jpg&quot;,&quot;title&quot;:&quot;Mirador Maresme Garcia Faura&quot;},{&quot;src&quot;:&quot;https:\\\/\\\/www.garciafaura.com\\\/wp-content\\\/uploads\\\/2022\\\/11\\\/Mirador-Maresme-14.jpg&quot;,&quot;title&quot;:&quot;Mirador Maresme Garcia Faura&quot;},{&quot;src&quot;:&quot;https:\\\/\\\/www.garciafaura.com\\\/wp-content\\\/uploads\\\/2022\\\/11\\\/Mirador-Maresme-13.jpg&quot;,&quot;title&quot;:&quot;Mirador Maresme Garcia Faura&quot;},{&quot;src&quot;:&quot;https:\\\/\\\/www.garciafaura.com\\\/wp-content\\\/uploads\\\/2022\\\/11\\\/Mirador-Maresme-12.jpg&quot;,&quot;title&quot;:&quot;Mirador Maresme Garcia Faura&quot;},{&quot;src&quot;:&quot;https:\\\/\\\/www.garciafaura.com\\\/wp-content\\\/uploads\\\/2022\\\/11\\\/Mirador-Maresme-11.jpg&quot;,&quot;title&quot;:&quot;Mirador Maresme Garcia Faura&quot;},{&quot;src&quot;:&quot;https:\\\/\\\/www.garciafaura.com\\\/wp-content\\\/uploads\\\/2022\\\/11\\\/Mirador-Maresme-10.jpg&quot;,&quot;title&quot;:&quot;Mirador Maresme Garcia Faura&quot;},{&quot;src&quot;:&quot;https:\\\/\\\/www.garciafaura.com\\\/wp-content\\\/uploads\\\/2022\\\/11\\\/Mirador-Maresme-9.jpg&quot;,&quot;title&quot;:&quot;Mirador Maresme Garcia Faura&quot;},{&quot;src&quot;:&quot;https:\\\/\\\/www.garciafaura.com\\\/wp-content\\\/uploads\\\/2022\\\/11\\\/Mirador-Maresme-8.jpg&quot;,&quot;title&quot;:&quot;Mirador Maresme Garcia Faura&quot;},{&quot;src&quot;:&quot;https:\\\/\\\/www.garciafaura.com\\\/wp-content\\\/uploads\\\/2022\\\/11\\\/Mirador-Maresme-7.jpg&quot;,&quot;title&quot;:&quot;Mirador Maresme Garcia Faura&quot;},{&quot;src&quot;:&quot;https:\\\/\\\/www.garciafaura.com\\\/wp-content\\\/uploads\\\/2022\\\/11\\\/Mirador-Maresme-6.jpg&quot;,&quot;title&quot;:&quot;Mirador Maresme Garcia Faura&quot;},{&quot;src&quot;:&quot;https:\\\/\\\/www.garciafaura.com\\\/wp-content\\\/uploads\\\/2022\\\/11\\\/Mirador-Maresme-5.jpg&quot;,&quot;title&quot;:&quot;Mirador Maresme Garcia Faura&quot;},{&quot;src&quot;:&quot;https:\\\/\\\/www.garciafaura.com\\\/wp-content\\\/uploads\\\/2022\\\/11\\\/Mirador-Maresme-4.jpg&quot;,&quot;title&quot;:&quot;Mirador Maresme Garcia Faura&quot;},{&quot;src&quot;:&quot;https:\\\/\\\/www.garciafaura.com\\\/wp-content\\\/uploads\\\/2022\\\/11\\\/Mirador-Maresme-3.jpg&quot;,&quot;title&quot;:&quot;Mirador Maresme Garcia Faura&quot;},{&quot;src&quot;:&quot;https:\\\/\\\/www.garciafaura.com\\\/wp-content\\\/uploads\\\/2022\\\/11\\\/Mirador-Maresme-2.jpg&quot;,&quot;title&quot;:&quot;Mirador Maresme Garcia Faura&quot;}]\"><img loading=\"lazy\" decoding=\"async\" data-no-lazy=\"1\" class=\"portfolio-entry-img skip-lazy\" src=\"https:\/\/www.garciafaura.com\/wp-content\/uploads\/2022\/11\/Mirador-Maresme-4-600x314.jpg\" alt=\"Mirador Maresme Garcia Faura\" data-no-retina width=\"600\" height=\"314\" \/><\/a><\/div><div class=\"portfolio-entry-details entry-details wpex-clr\"><h2 class=\"portfolio-entry-title entry-title\"><a href=\"https:\/\/www.garciafaura.com\/es\/portfolio-item\/promocio-mirador-del-maresme-2\/\" title=\"Promoci\u00f3n Mirador del Maresme\">Promoci\u00f3n Mirador del Maresme<\/a><\/h2><div class=\"portfolio-entry-categories entry-categories wpex-clr\"><a href=\"https:\/\/www.garciafaura.com\/es\/portfolio-category\/conjuntos-residenciales\/\" class=\"term-46\">Conjuntos residenciales<\/a><\/div><\/div><\/div><\/div><div class=\"portfolio-entry vcex-grid-item entry-has-details span_1_of_3 col col-2 vcex-isotope-entry vcex-no-margin-entry post-30367 entry type-portfolio has-media cat-46 translation_priority-6\"><div class=\"portfolio-entry-inner entry-inner wpex-clr\"><div class=\"portfolio-entry-media entry-media wpex-clr\"><a href=\"https:\/\/www.garciafaura.com\/wp-content\/uploads\/2022\/09\/Verge-Montserrat-04.jpg\" title=\"Promoci\u00f3n viviendas Av. Montserrat\" class=\"portfolio-entry-media-link wpex-lightbox-gallery\" data-gallery=\"[{&quot;src&quot;:&quot;https:\\\/\\\/www.garciafaura.com\\\/wp-content\\\/uploads\\\/2022\\\/09\\\/Verge-Montserrat-04.jpg&quot;},{&quot;src&quot;:&quot;https:\\\/\\\/www.garciafaura.com\\\/wp-content\\\/uploads\\\/2022\\\/09\\\/Verge-Montserrat-17.jpg&quot;},{&quot;src&quot;:&quot;https:\\\/\\\/www.garciafaura.com\\\/wp-content\\\/uploads\\\/2022\\\/09\\\/Verge-Montserrat-16.jpg&quot;},{&quot;src&quot;:&quot;https:\\\/\\\/www.garciafaura.com\\\/wp-content\\\/uploads\\\/2022\\\/09\\\/Verge-Montserrat-15.jpg&quot;},{&quot;src&quot;:&quot;https:\\\/\\\/www.garciafaura.com\\\/wp-content\\\/uploads\\\/2022\\\/09\\\/Verge-Montserrat-14.jpg&quot;},{&quot;src&quot;:&quot;https:\\\/\\\/www.garciafaura.com\\\/wp-content\\\/uploads\\\/2022\\\/09\\\/Verge-Montserrat-13.jpg&quot;},{&quot;src&quot;:&quot;https:\\\/\\\/www.garciafaura.com\\\/wp-content\\\/uploads\\\/2022\\\/09\\\/Verge-Montserrat-12.jpg&quot;},{&quot;src&quot;:&quot;https:\\\/\\\/www.garciafaura.com\\\/wp-content\\\/uploads\\\/2022\\\/09\\\/Verge-Montserrat-11.jpg&quot;},{&quot;src&quot;:&quot;https:\\\/\\\/www.garciafaura.com\\\/wp-content\\\/uploads\\\/2022\\\/09\\\/Verge-Montserrat-10.jpg&quot;},{&quot;src&quot;:&quot;https:\\\/\\\/www.garciafaura.com\\\/wp-content\\\/uploads\\\/2022\\\/09\\\/Verge-Montserrat-09.jpg&quot;},{&quot;src&quot;:&quot;https:\\\/\\\/www.garciafaura.com\\\/wp-content\\\/uploads\\\/2022\\\/09\\\/Verge-Montserrat-08.jpg&quot;},{&quot;src&quot;:&quot;https:\\\/\\\/www.garciafaura.com\\\/wp-content\\\/uploads\\\/2022\\\/09\\\/Verge-Montserrat-07.jpg&quot;},{&quot;src&quot;:&quot;https:\\\/\\\/www.garciafaura.com\\\/wp-content\\\/uploads\\\/2022\\\/09\\\/Verge-Montserrat-06.jpg&quot;},{&quot;src&quot;:&quot;https:\\\/\\\/www.garciafaura.com\\\/wp-content\\\/uploads\\\/2022\\\/09\\\/Verge-Montserrat-05.jpg&quot;},{&quot;src&quot;:&quot;https:\\\/\\\/www.garciafaura.com\\\/wp-content\\\/uploads\\\/2022\\\/09\\\/Verge-Montserrat-03.jpg&quot;},{&quot;src&quot;:&quot;https:\\\/\\\/www.garciafaura.com\\\/wp-content\\\/uploads\\\/2022\\\/09\\\/Verge-Montserrat-02.jpg&quot;},{&quot;src&quot;:&quot;https:\\\/\\\/www.garciafaura.com\\\/wp-content\\\/uploads\\\/2022\\\/09\\\/Verge-Montserrat-01.jpg&quot;},{&quot;src&quot;:&quot;https:\\\/\\\/www.garciafaura.com\\\/wp-content\\\/uploads\\\/2022\\\/09\\\/Verge-Montserrat-31.jpg&quot;},{&quot;src&quot;:&quot;https:\\\/\\\/www.garciafaura.com\\\/wp-content\\\/uploads\\\/2022\\\/09\\\/Verge-Montserrat-30.jpg&quot;},{&quot;src&quot;:&quot;https:\\\/\\\/www.garciafaura.com\\\/wp-content\\\/uploads\\\/2022\\\/09\\\/Verge-Montserrat-29.jpg&quot;},{&quot;src&quot;:&quot;https:\\\/\\\/www.garciafaura.com\\\/wp-content\\\/uploads\\\/2022\\\/09\\\/Verge-Montserrat-28.jpg&quot;},{&quot;src&quot;:&quot;https:\\\/\\\/www.garciafaura.com\\\/wp-content\\\/uploads\\\/2022\\\/09\\\/Verge-Montserrat-27.jpg&quot;},{&quot;src&quot;:&quot;https:\\\/\\\/www.garciafaura.com\\\/wp-content\\\/uploads\\\/2022\\\/09\\\/Verge-Montserrat-26.jpg&quot;},{&quot;src&quot;:&quot;https:\\\/\\\/www.garciafaura.com\\\/wp-content\\\/uploads\\\/2022\\\/09\\\/Verge-Montserrat-25.jpg&quot;},{&quot;src&quot;:&quot;https:\\\/\\\/www.garciafaura.com\\\/wp-content\\\/uploads\\\/2022\\\/09\\\/Verge-Montserrat-24.jpg&quot;},{&quot;src&quot;:&quot;https:\\\/\\\/www.garciafaura.com\\\/wp-content\\\/uploads\\\/2022\\\/09\\\/Verge-Montserrat-23.jpg&quot;},{&quot;src&quot;:&quot;https:\\\/\\\/www.garciafaura.com\\\/wp-content\\\/uploads\\\/2022\\\/09\\\/Verge-Montserrat-22.jpg&quot;},{&quot;src&quot;:&quot;https:\\\/\\\/www.garciafaura.com\\\/wp-content\\\/uploads\\\/2022\\\/09\\\/Verge-Montserrat-21.jpg&quot;},{&quot;src&quot;:&quot;https:\\\/\\\/www.garciafaura.com\\\/wp-content\\\/uploads\\\/2022\\\/09\\\/Verge-Montserrat-20.jpg&quot;},{&quot;src&quot;:&quot;https:\\\/\\\/www.garciafaura.com\\\/wp-content\\\/uploads\\\/2022\\\/09\\\/Verge-Montserrat-19.jpg&quot;},{&quot;src&quot;:&quot;https:\\\/\\\/www.garciafaura.com\\\/wp-content\\\/uploads\\\/2022\\\/09\\\/Verge-Montserrat-18.jpg&quot;}]\"><img loading=\"lazy\" decoding=\"async\" data-no-lazy=\"1\" class=\"portfolio-entry-img skip-lazy\" src=\"https:\/\/www.garciafaura.com\/wp-content\/uploads\/2022\/09\/Verge-Montserrat-04-600x314.jpg\" alt='' data-no-retina width=\"600\" height=\"314\" \/><\/a><\/div><div class=\"portfolio-entry-details entry-details wpex-clr\"><h2 class=\"portfolio-entry-title entry-title\"><a href=\"https:\/\/www.garciafaura.com\/es\/portfolio-item\/promocio-habitatges-av-montserrat\/\" title=\"Promoci\u00f3n viviendas Av. Montserrat\">Promoci\u00f3n viviendas Av. Montserrat<\/a><\/h2><div class=\"portfolio-entry-categories entry-categories wpex-clr\"><a href=\"https:\/\/www.garciafaura.com\/es\/portfolio-category\/conjuntos-residenciales\/\" class=\"term-46\">Conjuntos residenciales<\/a><\/div><\/div><\/div><\/div><div class=\"portfolio-entry vcex-grid-item entry-has-details span_1_of_3 col col-3 vcex-isotope-entry vcex-no-margin-entry post-30285 entry type-portfolio has-media cat-46 cat-58 cat-59 translation_priority-6\"><div class=\"portfolio-entry-inner entry-inner wpex-clr\"><div class=\"portfolio-entry-media entry-media wpex-clr\"><a href=\"https:\/\/www.garciafaura.com\/wp-content\/uploads\/2022\/08\/Promocio-Navas-de-Tolosa-39.jpg\" title=\"Promoci\u00f3n Navas de Tolosa\" class=\"portfolio-entry-media-link wpex-lightbox-gallery\" data-gallery=\"[{&quot;src&quot;:&quot;https:\\\/\\\/www.garciafaura.com\\\/wp-content\\\/uploads\\\/2022\\\/08\\\/Promocio-Navas-de-Tolosa-39.jpg&quot;},{&quot;src&quot;:&quot;https:\\\/\\\/www.garciafaura.com\\\/wp-content\\\/uploads\\\/2022\\\/08\\\/Promocio-Navas-de-Tolosa-38.jpg&quot;},{&quot;src&quot;:&quot;https:\\\/\\\/www.garciafaura.com\\\/wp-content\\\/uploads\\\/2022\\\/08\\\/Promocio-Navas-de-Tolosa-37.jpg&quot;},{&quot;src&quot;:&quot;https:\\\/\\\/www.garciafaura.com\\\/wp-content\\\/uploads\\\/2022\\\/08\\\/Promocio-Navas-de-Tolosa-36.jpg&quot;},{&quot;src&quot;:&quot;https:\\\/\\\/www.garciafaura.com\\\/wp-content\\\/uploads\\\/2022\\\/08\\\/Promocio-Navas-de-Tolosa-35.jpg&quot;},{&quot;src&quot;:&quot;https:\\\/\\\/www.garciafaura.com\\\/wp-content\\\/uploads\\\/2022\\\/08\\\/Promocio-Navas-de-Tolosa-34.jpg&quot;},{&quot;src&quot;:&quot;https:\\\/\\\/www.garciafaura.com\\\/wp-content\\\/uploads\\\/2022\\\/08\\\/Promocio-Navas-de-Tolosa-33.jpg&quot;},{&quot;src&quot;:&quot;https:\\\/\\\/www.garciafaura.com\\\/wp-content\\\/uploads\\\/2022\\\/08\\\/Promocio-Navas-de-Tolosa-32.jpg&quot;},{&quot;src&quot;:&quot;https:\\\/\\\/www.garciafaura.com\\\/wp-content\\\/uploads\\\/2022\\\/08\\\/Promocio-Navas-de-Tolosa-31.jpg&quot;},{&quot;src&quot;:&quot;https:\\\/\\\/www.garciafaura.com\\\/wp-content\\\/uploads\\\/2022\\\/08\\\/Promocio-Navas-de-Tolosa-30.jpg&quot;},{&quot;src&quot;:&quot;https:\\\/\\\/www.garciafaura.com\\\/wp-content\\\/uploads\\\/2022\\\/08\\\/Promocio-Navas-de-Tolosa-29.jpg&quot;},{&quot;src&quot;:&quot;https:\\\/\\\/www.garciafaura.com\\\/wp-content\\\/uploads\\\/2022\\\/08\\\/Promocio-Navas-de-Tolosa-28.jpg&quot;},{&quot;src&quot;:&quot;https:\\\/\\\/www.garciafaura.com\\\/wp-content\\\/uploads\\\/2022\\\/08\\\/Promocio-Navas-de-Tolosa-27.jpg&quot;},{&quot;src&quot;:&quot;https:\\\/\\\/www.garciafaura.com\\\/wp-content\\\/uploads\\\/2022\\\/08\\\/Promocio-Navas-de-Tolosa-26.jpg&quot;},{&quot;src&quot;:&quot;https:\\\/\\\/www.garciafaura.com\\\/wp-content\\\/uploads\\\/2022\\\/08\\\/Promocio-Navas-de-Tolosa-25.jpg&quot;},{&quot;src&quot;:&quot;https:\\\/\\\/www.garciafaura.com\\\/wp-content\\\/uploads\\\/2022\\\/08\\\/Promocio-Navas-de-Tolosa-24.jpg&quot;},{&quot;src&quot;:&quot;https:\\\/\\\/www.garciafaura.com\\\/wp-content\\\/uploads\\\/2022\\\/08\\\/Promocio-Navas-de-Tolosa-23.jpg&quot;},{&quot;src&quot;:&quot;https:\\\/\\\/www.garciafaura.com\\\/wp-content\\\/uploads\\\/2022\\\/08\\\/Promocio-Navas-de-Tolosa-22.jpg&quot;},{&quot;src&quot;:&quot;https:\\\/\\\/www.garciafaura.com\\\/wp-content\\\/uploads\\\/2022\\\/08\\\/Promocio-Navas-de-Tolosa-21.jpg&quot;},{&quot;src&quot;:&quot;https:\\\/\\\/www.garciafaura.com\\\/wp-content\\\/uploads\\\/2022\\\/08\\\/Promocio-Navas-de-Tolosa-20.jpg&quot;},{&quot;src&quot;:&quot;https:\\\/\\\/www.garciafaura.com\\\/wp-content\\\/uploads\\\/2022\\\/08\\\/Promocio-Navas-de-Tolosa-19.jpg&quot;},{&quot;src&quot;:&quot;https:\\\/\\\/www.garciafaura.com\\\/wp-content\\\/uploads\\\/2022\\\/08\\\/Promocio-Navas-de-Tolosa-18.jpg&quot;},{&quot;src&quot;:&quot;https:\\\/\\\/www.garciafaura.com\\\/wp-content\\\/uploads\\\/2022\\\/08\\\/Promocio-Navas-de-Tolosa-17.jpg&quot;},{&quot;src&quot;:&quot;https:\\\/\\\/www.garciafaura.com\\\/wp-content\\\/uploads\\\/2022\\\/08\\\/Promocio-Navas-de-Tolosa-16.jpg&quot;},{&quot;src&quot;:&quot;https:\\\/\\\/www.garciafaura.com\\\/wp-content\\\/uploads\\\/2022\\\/08\\\/Promocio-Navas-de-Tolosa-15.jpg&quot;},{&quot;src&quot;:&quot;https:\\\/\\\/www.garciafaura.com\\\/wp-content\\\/uploads\\\/2022\\\/08\\\/Promocio-Navas-de-Tolosa-14.jpg&quot;},{&quot;src&quot;:&quot;https:\\\/\\\/www.garciafaura.com\\\/wp-content\\\/uploads\\\/2022\\\/08\\\/Promocio-Navas-de-Tolosa-13.jpg&quot;},{&quot;src&quot;:&quot;https:\\\/\\\/www.garciafaura.com\\\/wp-content\\\/uploads\\\/2022\\\/08\\\/Promocio-Navas-de-Tolosa-12.jpg&quot;},{&quot;src&quot;:&quot;https:\\\/\\\/www.garciafaura.com\\\/wp-content\\\/uploads\\\/2022\\\/08\\\/Promocio-Navas-de-Tolosa-11.jpg&quot;},{&quot;src&quot;:&quot;https:\\\/\\\/www.garciafaura.com\\\/wp-content\\\/uploads\\\/2022\\\/08\\\/Promocio-Navas-de-Tolosa-10.jpg&quot;},{&quot;src&quot;:&quot;https:\\\/\\\/www.garciafaura.com\\\/wp-content\\\/uploads\\\/2022\\\/08\\\/Promocio-Navas-de-Tolosa-09.jpg&quot;},{&quot;src&quot;:&quot;https:\\\/\\\/www.garciafaura.com\\\/wp-content\\\/uploads\\\/2022\\\/08\\\/Promocio-Navas-de-Tolosa-08.jpg&quot;},{&quot;src&quot;:&quot;https:\\\/\\\/www.garciafaura.com\\\/wp-content\\\/uploads\\\/2022\\\/08\\\/Promocio-Navas-de-Tolosa-07.jpg&quot;},{&quot;src&quot;:&quot;https:\\\/\\\/www.garciafaura.com\\\/wp-content\\\/uploads\\\/2022\\\/08\\\/Promocio-Navas-de-Tolosa-06.jpg&quot;},{&quot;src&quot;:&quot;https:\\\/\\\/www.garciafaura.com\\\/wp-content\\\/uploads\\\/2022\\\/08\\\/Promocio-Navas-de-Tolosa-05.jpg&quot;},{&quot;src&quot;:&quot;https:\\\/\\\/www.garciafaura.com\\\/wp-content\\\/uploads\\\/2022\\\/08\\\/Promocio-Navas-de-Tolosa-04.jpg&quot;},{&quot;src&quot;:&quot;https:\\\/\\\/www.garciafaura.com\\\/wp-content\\\/uploads\\\/2022\\\/08\\\/Promocio-Navas-de-Tolosa-03.jpg&quot;},{&quot;src&quot;:&quot;https:\\\/\\\/www.garciafaura.com\\\/wp-content\\\/uploads\\\/2022\\\/08\\\/Promocio-Navas-de-Tolosa-02.jpg&quot;},{&quot;src&quot;:&quot;https:\\\/\\\/www.garciafaura.com\\\/wp-content\\\/uploads\\\/2022\\\/08\\\/Promocio-Navas-de-Tolosa-01.jpg&quot;}]\"><img loading=\"lazy\" decoding=\"async\" data-no-lazy=\"1\" class=\"portfolio-entry-img skip-lazy\" src=\"https:\/\/www.garciafaura.com\/wp-content\/uploads\/2022\/08\/Promocio-Navas-de-Tolosa-39-600x314.jpg\" alt='' data-no-retina width=\"600\" height=\"314\" \/><\/a><\/div><div class=\"portfolio-entry-details entry-details wpex-clr\"><h2 class=\"portfolio-entry-title entry-title\"><a href=\"https:\/\/www.garciafaura.com\/es\/portfolio-item\/promocio-navas-de-tolosa\/\" title=\"Promoci\u00f3n Navas de Tolosa\">Promoci\u00f3n Navas de Tolosa<\/a><\/h2><div class=\"portfolio-entry-categories entry-categories wpex-clr\"><a href=\"https:\/\/www.garciafaura.com\/es\/portfolio-category\/conjuntos-residenciales\/\" class=\"term-46\">Conjuntos residenciales<\/a><\/div><\/div><\/div><\/div><div class=\"portfolio-entry vcex-grid-item entry-has-details span_1_of_3 col col-1 vcex-isotope-entry vcex-no-margin-entry post-30178 entry type-portfolio has-media cat-46 translation_priority-6\"><div class=\"portfolio-entry-inner entry-inner wpex-clr\"><div class=\"portfolio-entry-media entry-media wpex-clr\"><a href=\"https:\/\/www.garciafaura.com\/wp-content\/uploads\/2022\/06\/Promocio\u0301-Armenteros-Sant-Feliu-01.jpg\" title=\"Promoci\u00f3n Armenteres Sant Feliu\" class=\"portfolio-entry-media-link wpex-lightbox-gallery\" data-gallery=\"[{&quot;src&quot;:&quot;https:\\\/\\\/www.garciafaura.com\\\/wp-content\\\/uploads\\\/2022\\\/06\\\/Promocio\\u0301-Armenteros-Sant-Feliu-01.jpg&quot;},{&quot;src&quot;:&quot;https:\\\/\\\/www.garciafaura.com\\\/wp-content\\\/uploads\\\/2022\\\/06\\\/Promocio\\u0301-Armenteros-Sant-Feliu-23.jpg&quot;},{&quot;src&quot;:&quot;https:\\\/\\\/www.garciafaura.com\\\/wp-content\\\/uploads\\\/2022\\\/06\\\/Promocio\\u0301-Armenteros-Sant-Feliu-22.jpg&quot;},{&quot;src&quot;:&quot;https:\\\/\\\/www.garciafaura.com\\\/wp-content\\\/uploads\\\/2022\\\/06\\\/Promocio\\u0301-Armenteros-Sant-Feliu-21.jpg&quot;},{&quot;src&quot;:&quot;https:\\\/\\\/www.garciafaura.com\\\/wp-content\\\/uploads\\\/2022\\\/06\\\/Promocio\\u0301-Armenteros-Sant-Feliu-20.jpg&quot;},{&quot;src&quot;:&quot;https:\\\/\\\/www.garciafaura.com\\\/wp-content\\\/uploads\\\/2022\\\/06\\\/Promocio\\u0301-Armenteros-Sant-Feliu-19.jpg&quot;},{&quot;src&quot;:&quot;https:\\\/\\\/www.garciafaura.com\\\/wp-content\\\/uploads\\\/2022\\\/06\\\/Promocio\\u0301-Armenteros-Sant-Feliu-18.jpg&quot;},{&quot;src&quot;:&quot;https:\\\/\\\/www.garciafaura.com\\\/wp-content\\\/uploads\\\/2022\\\/06\\\/Promocio\\u0301-Armenteros-Sant-Feliu-17.jpg&quot;},{&quot;src&quot;:&quot;https:\\\/\\\/www.garciafaura.com\\\/wp-content\\\/uploads\\\/2022\\\/06\\\/Promocio\\u0301-Armenteros-Sant-Feliu-16.jpg&quot;},{&quot;src&quot;:&quot;https:\\\/\\\/www.garciafaura.com\\\/wp-content\\\/uploads\\\/2022\\\/06\\\/Promocio\\u0301-Armenteros-Sant-Feliu-15.jpg&quot;},{&quot;src&quot;:&quot;https:\\\/\\\/www.garciafaura.com\\\/wp-content\\\/uploads\\\/2022\\\/06\\\/Promocio\\u0301-Armenteros-Sant-Feliu-14.jpg&quot;},{&quot;src&quot;:&quot;https:\\\/\\\/www.garciafaura.com\\\/wp-content\\\/uploads\\\/2022\\\/06\\\/Promocio\\u0301-Armenteros-Sant-Feliu-13.jpg&quot;},{&quot;src&quot;:&quot;https:\\\/\\\/www.garciafaura.com\\\/wp-content\\\/uploads\\\/2022\\\/06\\\/Promocio\\u0301-Armenteros-Sant-Feliu-12.jpg&quot;},{&quot;src&quot;:&quot;https:\\\/\\\/www.garciafaura.com\\\/wp-content\\\/uploads\\\/2022\\\/06\\\/Promocio\\u0301-Armenteros-Sant-Feliu-11.jpg&quot;},{&quot;src&quot;:&quot;https:\\\/\\\/www.garciafaura.com\\\/wp-content\\\/uploads\\\/2022\\\/06\\\/Promocio\\u0301-Armenteros-Sant-Feliu-10.jpg&quot;},{&quot;src&quot;:&quot;https:\\\/\\\/www.garciafaura.com\\\/wp-content\\\/uploads\\\/2022\\\/06\\\/Promocio\\u0301-Armenteros-Sant-Feliu-09.jpg&quot;},{&quot;src&quot;:&quot;https:\\\/\\\/www.garciafaura.com\\\/wp-content\\\/uploads\\\/2022\\\/06\\\/Promocio\\u0301-Armenteros-Sant-Feliu-08.jpg&quot;},{&quot;src&quot;:&quot;https:\\\/\\\/www.garciafaura.com\\\/wp-content\\\/uploads\\\/2022\\\/06\\\/Promocio\\u0301-Armenteros-Sant-Feliu-07.jpg&quot;},{&quot;src&quot;:&quot;https:\\\/\\\/www.garciafaura.com\\\/wp-content\\\/uploads\\\/2022\\\/06\\\/Promocio\\u0301-Armenteros-Sant-Feliu-06.jpg&quot;},{&quot;src&quot;:&quot;https:\\\/\\\/www.garciafaura.com\\\/wp-content\\\/uploads\\\/2022\\\/06\\\/Promocio\\u0301-Armenteros-Sant-Feliu-05.jpg&quot;},{&quot;src&quot;:&quot;https:\\\/\\\/www.garciafaura.com\\\/wp-content\\\/uploads\\\/2022\\\/06\\\/Promocio\\u0301-Armenteros-Sant-Feliu-04.jpg&quot;},{&quot;src&quot;:&quot;https:\\\/\\\/www.garciafaura.com\\\/wp-content\\\/uploads\\\/2022\\\/06\\\/Promocio\\u0301-Armenteros-Sant-Feliu-03.jpg&quot;},{&quot;src&quot;:&quot;https:\\\/\\\/www.garciafaura.com\\\/wp-content\\\/uploads\\\/2022\\\/06\\\/Promocio\\u0301-Armenteros-Sant-Feliu-02.jpg&quot;}]\"><img loading=\"lazy\" decoding=\"async\" data-no-lazy=\"1\" class=\"portfolio-entry-img skip-lazy\" src=\"https:\/\/www.garciafaura.com\/wp-content\/uploads\/2022\/06\/Promocio\u0301-Armenteros-Sant-Feliu-01-600x314.jpg\" alt='' data-no-retina width=\"600\" height=\"314\" \/><\/a><\/div><div class=\"portfolio-entry-details entry-details wpex-clr\"><h2 class=\"portfolio-entry-title entry-title\"><a href=\"https:\/\/www.garciafaura.com\/es\/portfolio-item\/promocio-armenteres-sant-feliu\/\" title=\"Promoci\u00f3n Armenteres Sant Feliu\">Promoci\u00f3n Armenteres Sant Feliu<\/a><\/h2><div class=\"portfolio-entry-categories entry-categories wpex-clr\"><a href=\"https:\/\/www.garciafaura.com\/es\/portfolio-category\/conjuntos-residenciales\/\" class=\"term-46\">Conjuntos residenciales<\/a><\/div><\/div><\/div><\/div><div class=\"portfolio-entry vcex-grid-item entry-has-details span_1_of_3 col col-2 vcex-isotope-entry vcex-no-margin-entry post-29667 entry type-portfolio has-media cat-46 translation_priority-6\"><div class=\"portfolio-entry-inner entry-inner wpex-clr\"><div class=\"portfolio-entry-media entry-media wpex-clr\"><a href=\"https:\/\/www.garciafaura.com\/wp-content\/uploads\/2022\/06\/Habitatges-Vilanova-i-la-Geltru-08.jpg\" title=\"Residencial Pizan Vilanova i la Geltr\u00fa\" class=\"portfolio-entry-media-link wpex-lightbox-gallery\" data-gallery=\"[{&quot;src&quot;:&quot;https:\\\/\\\/www.garciafaura.com\\\/wp-content\\\/uploads\\\/2022\\\/06\\\/Habitatges-Vilanova-i-la-Geltru-08.jpg&quot;},{&quot;src&quot;:&quot;https:\\\/\\\/www.garciafaura.com\\\/wp-content\\\/uploads\\\/2022\\\/06\\\/Habitatges-Vilanova-i-la-Geltru-19.jpg&quot;},{&quot;src&quot;:&quot;https:\\\/\\\/www.garciafaura.com\\\/wp-content\\\/uploads\\\/2022\\\/06\\\/Habitatges-Vilanova-i-la-Geltru-01.jpg&quot;},{&quot;src&quot;:&quot;https:\\\/\\\/www.garciafaura.com\\\/wp-content\\\/uploads\\\/2022\\\/06\\\/Habitatges-Vilanova-i-la-Geltru-25.jpg&quot;},{&quot;src&quot;:&quot;https:\\\/\\\/www.garciafaura.com\\\/wp-content\\\/uploads\\\/2022\\\/06\\\/Habitatges-Vilanova-i-la-Geltru-24.jpg&quot;},{&quot;src&quot;:&quot;https:\\\/\\\/www.garciafaura.com\\\/wp-content\\\/uploads\\\/2022\\\/06\\\/Habitatges-Vilanova-i-la-Geltru-23.jpg&quot;},{&quot;src&quot;:&quot;https:\\\/\\\/www.garciafaura.com\\\/wp-content\\\/uploads\\\/2022\\\/06\\\/Habitatges-Vilanova-i-la-Geltru-22.jpg&quot;},{&quot;src&quot;:&quot;https:\\\/\\\/www.garciafaura.com\\\/wp-content\\\/uploads\\\/2022\\\/06\\\/Habitatges-Vilanova-i-la-Geltru-21.jpg&quot;},{&quot;src&quot;:&quot;https:\\\/\\\/www.garciafaura.com\\\/wp-content\\\/uploads\\\/2022\\\/06\\\/Habitatges-Vilanova-i-la-Geltru-20.jpg&quot;},{&quot;src&quot;:&quot;https:\\\/\\\/www.garciafaura.com\\\/wp-content\\\/uploads\\\/2022\\\/06\\\/Habitatges-Vilanova-i-la-Geltru-18.jpg&quot;},{&quot;src&quot;:&quot;https:\\\/\\\/www.garciafaura.com\\\/wp-content\\\/uploads\\\/2022\\\/06\\\/Habitatges-Vilanova-i-la-Geltru-17.jpg&quot;},{&quot;src&quot;:&quot;https:\\\/\\\/www.garciafaura.com\\\/wp-content\\\/uploads\\\/2022\\\/06\\\/Habitatges-Vilanova-i-la-Geltru-16.jpg&quot;},{&quot;src&quot;:&quot;https:\\\/\\\/www.garciafaura.com\\\/wp-content\\\/uploads\\\/2022\\\/06\\\/Habitatges-Vilanova-i-la-Geltru-15.jpg&quot;},{&quot;src&quot;:&quot;https:\\\/\\\/www.garciafaura.com\\\/wp-content\\\/uploads\\\/2022\\\/06\\\/Habitatges-Vilanova-i-la-Geltru-14.jpg&quot;},{&quot;src&quot;:&quot;https:\\\/\\\/www.garciafaura.com\\\/wp-content\\\/uploads\\\/2022\\\/06\\\/Habitatges-Vilanova-i-la-Geltru-13.jpg&quot;},{&quot;src&quot;:&quot;https:\\\/\\\/www.garciafaura.com\\\/wp-content\\\/uploads\\\/2022\\\/06\\\/Habitatges-Vilanova-i-la-Geltru-12.jpg&quot;},{&quot;src&quot;:&quot;https:\\\/\\\/www.garciafaura.com\\\/wp-content\\\/uploads\\\/2022\\\/06\\\/Habitatges-Vilanova-i-la-Geltru-11.jpg&quot;},{&quot;src&quot;:&quot;https:\\\/\\\/www.garciafaura.com\\\/wp-content\\\/uploads\\\/2022\\\/06\\\/Habitatges-Vilanova-i-la-Geltru-10.jpg&quot;},{&quot;src&quot;:&quot;https:\\\/\\\/www.garciafaura.com\\\/wp-content\\\/uploads\\\/2022\\\/06\\\/Habitatges-Vilanova-i-la-Geltru-09.jpg&quot;},{&quot;src&quot;:&quot;https:\\\/\\\/www.garciafaura.com\\\/wp-content\\\/uploads\\\/2022\\\/06\\\/Habitatges-Vilanova-i-la-Geltru-07.jpg&quot;},{&quot;src&quot;:&quot;https:\\\/\\\/www.garciafaura.com\\\/wp-content\\\/uploads\\\/2022\\\/06\\\/Habitatges-Vilanova-i-la-Geltru-06.jpg&quot;},{&quot;src&quot;:&quot;https:\\\/\\\/www.garciafaura.com\\\/wp-content\\\/uploads\\\/2022\\\/06\\\/Habitatges-Vilanova-i-la-Geltru-05.jpg&quot;},{&quot;src&quot;:&quot;https:\\\/\\\/www.garciafaura.com\\\/wp-content\\\/uploads\\\/2022\\\/06\\\/Habitatges-Vilanova-i-la-Geltru-04.jpg&quot;},{&quot;src&quot;:&quot;https:\\\/\\\/www.garciafaura.com\\\/wp-content\\\/uploads\\\/2022\\\/06\\\/Habitatges-Vilanova-i-la-Geltru-03.jpg&quot;},{&quot;src&quot;:&quot;https:\\\/\\\/www.garciafaura.com\\\/wp-content\\\/uploads\\\/2022\\\/06\\\/Habitatges-Vilanova-i-la-Geltru-02.jpg&quot;}]\"><img loading=\"lazy\" decoding=\"async\" data-no-lazy=\"1\" class=\"portfolio-entry-img skip-lazy\" src=\"https:\/\/www.garciafaura.com\/wp-content\/uploads\/2022\/06\/Habitatges-Vilanova-i-la-Geltru-08-600x314.jpg\" alt='' data-no-retina width=\"600\" height=\"314\" \/><\/a><\/div><div class=\"portfolio-entry-details entry-details wpex-clr\"><h2 class=\"portfolio-entry-title entry-title\"><a href=\"https:\/\/www.garciafaura.com\/es\/portfolio-item\/residencial-pizan-vilanova-i-la-geltru\/\" title=\"Residencial Pizan Vilanova i la Geltr\u00fa\">Residencial Pizan Vilanova i la Geltr\u00fa<\/a><\/h2><div class=\"portfolio-entry-categories entry-categories wpex-clr\"><a href=\"https:\/\/www.garciafaura.com\/es\/portfolio-category\/conjuntos-residenciales\/\" class=\"term-46\">Conjuntos residenciales<\/a><\/div><\/div><\/div><\/div><div class=\"portfolio-entry vcex-grid-item entry-has-details span_1_of_3 col col-3 vcex-isotope-entry vcex-no-margin-entry post-29647 entry type-portfolio has-media cat-46 translation_priority-6\"><div class=\"portfolio-entry-inner entry-inner wpex-clr\"><div class=\"portfolio-entry-media entry-media wpex-clr\"><a href=\"https:\/\/www.garciafaura.com\/wp-content\/uploads\/2022\/06\/Calaf-Glories-24.jpg\" title=\"Promoci\u00f3n Glorias\" class=\"portfolio-entry-media-link wpex-lightbox-gallery\" data-gallery=\"[{&quot;src&quot;:&quot;https:\\\/\\\/www.garciafaura.com\\\/wp-content\\\/uploads\\\/2022\\\/06\\\/Calaf-Glories-24.jpg&quot;},{&quot;src&quot;:&quot;https:\\\/\\\/www.garciafaura.com\\\/wp-content\\\/uploads\\\/2022\\\/06\\\/Calaf-Glories-23.jpg&quot;},{&quot;src&quot;:&quot;https:\\\/\\\/www.garciafaura.com\\\/wp-content\\\/uploads\\\/2022\\\/06\\\/Calaf-Glories-22.jpg&quot;},{&quot;src&quot;:&quot;https:\\\/\\\/www.garciafaura.com\\\/wp-content\\\/uploads\\\/2022\\\/06\\\/Calaf-Glories-21.jpg&quot;},{&quot;src&quot;:&quot;https:\\\/\\\/www.garciafaura.com\\\/wp-content\\\/uploads\\\/2022\\\/06\\\/Calaf-Glories-20.jpg&quot;},{&quot;src&quot;:&quot;https:\\\/\\\/www.garciafaura.com\\\/wp-content\\\/uploads\\\/2022\\\/06\\\/Calaf-Glories-19.jpg&quot;},{&quot;src&quot;:&quot;https:\\\/\\\/www.garciafaura.com\\\/wp-content\\\/uploads\\\/2022\\\/06\\\/Calaf-Glories-18.jpg&quot;},{&quot;src&quot;:&quot;https:\\\/\\\/www.garciafaura.com\\\/wp-content\\\/uploads\\\/2022\\\/06\\\/Calaf-Glories-17.jpg&quot;},{&quot;src&quot;:&quot;https:\\\/\\\/www.garciafaura.com\\\/wp-content\\\/uploads\\\/2022\\\/06\\\/Calaf-Glories-16.jpg&quot;},{&quot;src&quot;:&quot;https:\\\/\\\/www.garciafaura.com\\\/wp-content\\\/uploads\\\/2022\\\/06\\\/Calaf-Glories-15.jpg&quot;},{&quot;src&quot;:&quot;https:\\\/\\\/www.garciafaura.com\\\/wp-content\\\/uploads\\\/2022\\\/06\\\/Calaf-Glories-14.jpg&quot;},{&quot;src&quot;:&quot;https:\\\/\\\/www.garciafaura.com\\\/wp-content\\\/uploads\\\/2022\\\/06\\\/Calaf-Glories-13.jpg&quot;},{&quot;src&quot;:&quot;https:\\\/\\\/www.garciafaura.com\\\/wp-content\\\/uploads\\\/2022\\\/06\\\/Calaf-Glories-12.jpg&quot;},{&quot;src&quot;:&quot;https:\\\/\\\/www.garciafaura.com\\\/wp-content\\\/uploads\\\/2022\\\/06\\\/Calaf-Glories-11.jpg&quot;},{&quot;src&quot;:&quot;https:\\\/\\\/www.garciafaura.com\\\/wp-content\\\/uploads\\\/2022\\\/06\\\/Calaf-Glories-10.jpg&quot;},{&quot;src&quot;:&quot;https:\\\/\\\/www.garciafaura.com\\\/wp-content\\\/uploads\\\/2022\\\/06\\\/Calaf-Glories-09.jpg&quot;},{&quot;src&quot;:&quot;https:\\\/\\\/www.garciafaura.com\\\/wp-content\\\/uploads\\\/2022\\\/06\\\/Calaf-Glories-08.jpg&quot;},{&quot;src&quot;:&quot;https:\\\/\\\/www.garciafaura.com\\\/wp-content\\\/uploads\\\/2022\\\/06\\\/Calaf-Glories-07.jpg&quot;},{&quot;src&quot;:&quot;https:\\\/\\\/www.garciafaura.com\\\/wp-content\\\/uploads\\\/2022\\\/06\\\/Calaf-Glories-06.jpg&quot;},{&quot;src&quot;:&quot;https:\\\/\\\/www.garciafaura.com\\\/wp-content\\\/uploads\\\/2022\\\/06\\\/Calaf-Glories-05.jpg&quot;},{&quot;src&quot;:&quot;https:\\\/\\\/www.garciafaura.com\\\/wp-content\\\/uploads\\\/2022\\\/06\\\/Calaf-Glories-04.jpg&quot;},{&quot;src&quot;:&quot;https:\\\/\\\/www.garciafaura.com\\\/wp-content\\\/uploads\\\/2022\\\/06\\\/Calaf-Glories-03.jpg&quot;},{&quot;src&quot;:&quot;https:\\\/\\\/www.garciafaura.com\\\/wp-content\\\/uploads\\\/2022\\\/06\\\/Calaf-Glories-02.jpg&quot;},{&quot;src&quot;:&quot;https:\\\/\\\/www.garciafaura.com\\\/wp-content\\\/uploads\\\/2022\\\/06\\\/Calaf-Glories-01.jpg&quot;}]\"><img loading=\"lazy\" decoding=\"async\" data-no-lazy=\"1\" class=\"portfolio-entry-img skip-lazy\" src=\"https:\/\/www.garciafaura.com\/wp-content\/uploads\/2022\/06\/Calaf-Glories-24-600x314.jpg\" alt='' data-no-retina width=\"600\" height=\"314\" \/><\/a><\/div><div class=\"portfolio-entry-details entry-details wpex-clr\"><h2 class=\"portfolio-entry-title entry-title\"><a href=\"https:\/\/www.garciafaura.com\/es\/portfolio-item\/promocio-glories\/\" title=\"Promoci\u00f3n Glorias\">Promoci\u00f3n Glorias<\/a><\/h2><div class=\"portfolio-entry-categories entry-categories wpex-clr\"><a href=\"https:\/\/www.garciafaura.com\/es\/portfolio-category\/conjuntos-residenciales\/\" class=\"term-46\">Conjuntos residenciales<\/a><\/div><\/div><\/div><\/div><div class=\"portfolio-entry vcex-grid-item entry-has-details span_1_of_3 col col-1 vcex-isotope-entry vcex-no-margin-entry post-29175 entry type-portfolio has-media cat-46 translation_priority-6\"><div class=\"portfolio-entry-inner entry-inner wpex-clr\"><div class=\"portfolio-entry-media entry-media wpex-clr\"><a href=\"https:\/\/www.garciafaura.com\/wp-content\/uploads\/2022\/03\/Promocio-carretera-Ribes-05.jpg\" title=\"Promoci\u00f3n Carretera Ribes\" class=\"portfolio-entry-media-link wpex-lightbox-gallery\" data-gallery=\"[{&quot;src&quot;:&quot;https:\\\/\\\/www.garciafaura.com\\\/wp-content\\\/uploads\\\/2022\\\/03\\\/Promocio-carretera-Ribes-05.jpg&quot;},{&quot;src&quot;:&quot;https:\\\/\\\/www.garciafaura.com\\\/wp-content\\\/uploads\\\/2022\\\/03\\\/Promocio-carretera-Ribes-01.jpg&quot;},{&quot;src&quot;:&quot;https:\\\/\\\/www.garciafaura.com\\\/wp-content\\\/uploads\\\/2022\\\/03\\\/Promocio-carretera-Ribes-14.jpg&quot;},{&quot;src&quot;:&quot;https:\\\/\\\/www.garciafaura.com\\\/wp-content\\\/uploads\\\/2022\\\/03\\\/Promocio-carretera-Ribes-13.jpg&quot;},{&quot;src&quot;:&quot;https:\\\/\\\/www.garciafaura.com\\\/wp-content\\\/uploads\\\/2022\\\/03\\\/Promocio-carretera-Ribes-12.jpg&quot;},{&quot;src&quot;:&quot;https:\\\/\\\/www.garciafaura.com\\\/wp-content\\\/uploads\\\/2022\\\/03\\\/Promocio-carretera-Ribes-11.jpg&quot;},{&quot;src&quot;:&quot;https:\\\/\\\/www.garciafaura.com\\\/wp-content\\\/uploads\\\/2022\\\/03\\\/Promocio-carretera-Ribes-10.jpg&quot;},{&quot;src&quot;:&quot;https:\\\/\\\/www.garciafaura.com\\\/wp-content\\\/uploads\\\/2022\\\/03\\\/Promocio-carretera-Ribes-09.jpg&quot;},{&quot;src&quot;:&quot;https:\\\/\\\/www.garciafaura.com\\\/wp-content\\\/uploads\\\/2022\\\/03\\\/Promocio-carretera-Ribes-08.jpg&quot;},{&quot;src&quot;:&quot;https:\\\/\\\/www.garciafaura.com\\\/wp-content\\\/uploads\\\/2022\\\/03\\\/Promocio-carretera-Ribes-07.jpg&quot;},{&quot;src&quot;:&quot;https:\\\/\\\/www.garciafaura.com\\\/wp-content\\\/uploads\\\/2022\\\/03\\\/Promocio-carretera-Ribes-06.jpg&quot;},{&quot;src&quot;:&quot;https:\\\/\\\/www.garciafaura.com\\\/wp-content\\\/uploads\\\/2022\\\/03\\\/Promocio-carretera-Ribes-04.jpg&quot;},{&quot;src&quot;:&quot;https:\\\/\\\/www.garciafaura.com\\\/wp-content\\\/uploads\\\/2022\\\/03\\\/Promocio-carretera-Ribes-03.jpg&quot;},{&quot;src&quot;:&quot;https:\\\/\\\/www.garciafaura.com\\\/wp-content\\\/uploads\\\/2022\\\/03\\\/Promocio-carretera-Ribes-02.jpg&quot;}]\"><img loading=\"lazy\" decoding=\"async\" data-no-lazy=\"1\" class=\"portfolio-entry-img skip-lazy\" src=\"https:\/\/www.garciafaura.com\/wp-content\/uploads\/2022\/03\/Promocio-carretera-Ribes-05-600x314.jpg\" alt='' data-no-retina width=\"600\" height=\"314\" \/><\/a><\/div><div class=\"portfolio-entry-details entry-details wpex-clr\"><h2 class=\"portfolio-entry-title entry-title\"><a href=\"https:\/\/www.garciafaura.com\/es\/portfolio-item\/promocio-carretera-ribes\/\" title=\"Promoci\u00f3n Carretera Ribes\">Promoci\u00f3n Carretera Ribes<\/a><\/h2><div class=\"portfolio-entry-categories entry-categories wpex-clr\"><a href=\"https:\/\/www.garciafaura.com\/es\/portfolio-category\/conjuntos-residenciales\/\" class=\"term-46\">Conjuntos residenciales<\/a><\/div><\/div><\/div><\/div><div class=\"portfolio-entry vcex-grid-item entry-has-details span_1_of_3 col col-2 vcex-isotope-entry vcex-no-margin-entry post-28989 entry type-portfolio has-media cat-46 translation_priority-6\"><div class=\"portfolio-entry-inner entry-inner wpex-clr\"><div class=\"portfolio-entry-media entry-media wpex-clr\"><a href=\"https:\/\/www.garciafaura.com\/wp-content\/uploads\/2022\/02\/Sant-Roc-Badalona-16.jpg\" title=\"Promoci\u00f3n Bloque T Badalona\" class=\"portfolio-entry-media-link wpex-lightbox-gallery\" data-gallery=\"[{&quot;src&quot;:&quot;https:\\\/\\\/www.garciafaura.com\\\/wp-content\\\/uploads\\\/2022\\\/02\\\/Sant-Roc-Badalona-1.jpg&quot;},{&quot;src&quot;:&quot;https:\\\/\\\/www.garciafaura.com\\\/wp-content\\\/uploads\\\/2022\\\/02\\\/Sant-Roc-Badalona-16.jpg&quot;},{&quot;src&quot;:&quot;https:\\\/\\\/www.garciafaura.com\\\/wp-content\\\/uploads\\\/2022\\\/02\\\/Sant-Roc-Badalona-15.jpg&quot;},{&quot;src&quot;:&quot;https:\\\/\\\/www.garciafaura.com\\\/wp-content\\\/uploads\\\/2022\\\/02\\\/Sant-Roc-Badalona-14.jpg&quot;},{&quot;src&quot;:&quot;https:\\\/\\\/www.garciafaura.com\\\/wp-content\\\/uploads\\\/2022\\\/02\\\/Sant-Roc-Badalona-13.jpg&quot;},{&quot;src&quot;:&quot;https:\\\/\\\/www.garciafaura.com\\\/wp-content\\\/uploads\\\/2022\\\/02\\\/Sant-Roc-Badalona-12.jpg&quot;},{&quot;src&quot;:&quot;https:\\\/\\\/www.garciafaura.com\\\/wp-content\\\/uploads\\\/2022\\\/02\\\/Sant-Roc-Badalona-11.jpg&quot;},{&quot;src&quot;:&quot;https:\\\/\\\/www.garciafaura.com\\\/wp-content\\\/uploads\\\/2022\\\/02\\\/Sant-Roc-Badalona-10.jpg&quot;},{&quot;src&quot;:&quot;https:\\\/\\\/www.garciafaura.com\\\/wp-content\\\/uploads\\\/2022\\\/02\\\/Sant-Roc-Badalona-9.jpg&quot;},{&quot;src&quot;:&quot;https:\\\/\\\/www.garciafaura.com\\\/wp-content\\\/uploads\\\/2022\\\/02\\\/Sant-Roc-Badalona-8.jpg&quot;},{&quot;src&quot;:&quot;https:\\\/\\\/www.garciafaura.com\\\/wp-content\\\/uploads\\\/2022\\\/02\\\/Sant-Roc-Badalona-7.jpg&quot;},{&quot;src&quot;:&quot;https:\\\/\\\/www.garciafaura.com\\\/wp-content\\\/uploads\\\/2022\\\/02\\\/Sant-Roc-Badalona-6.jpg&quot;},{&quot;src&quot;:&quot;https:\\\/\\\/www.garciafaura.com\\\/wp-content\\\/uploads\\\/2022\\\/02\\\/Sant-Roc-Badalona-5.jpg&quot;},{&quot;src&quot;:&quot;https:\\\/\\\/www.garciafaura.com\\\/wp-content\\\/uploads\\\/2022\\\/02\\\/Sant-Roc-Badalona-4.jpg&quot;},{&quot;src&quot;:&quot;https:\\\/\\\/www.garciafaura.com\\\/wp-content\\\/uploads\\\/2022\\\/02\\\/Sant-Roc-Badalona-3.jpg&quot;},{&quot;src&quot;:&quot;https:\\\/\\\/www.garciafaura.com\\\/wp-content\\\/uploads\\\/2022\\\/02\\\/Sant-Roc-Badalona-2.jpg&quot;}]\"><img loading=\"lazy\" decoding=\"async\" data-no-lazy=\"1\" class=\"portfolio-entry-img skip-lazy\" src=\"https:\/\/www.garciafaura.com\/wp-content\/uploads\/2022\/02\/Sant-Roc-Badalona-16-600x314.jpg\" alt='' data-no-retina width=\"600\" height=\"314\" \/><\/a><\/div><div class=\"portfolio-entry-details entry-details wpex-clr\"><h2 class=\"portfolio-entry-title entry-title\"><a href=\"https:\/\/www.garciafaura.com\/es\/portfolio-item\/promocio-bloc-t-badalona\/\" title=\"Promoci\u00f3n Bloque T Badalona\">Promoci\u00f3n Bloque T Badalona<\/a><\/h2><div class=\"portfolio-entry-categories entry-categories wpex-clr\"><a href=\"https:\/\/www.garciafaura.com\/es\/portfolio-category\/conjuntos-residenciales\/\" class=\"term-46\">Conjuntos residenciales<\/a><\/div><\/div><\/div><\/div><div class=\"portfolio-entry vcex-grid-item entry-has-details span_1_of_3 col col-3 vcex-isotope-entry vcex-no-margin-entry post-28439 entry type-portfolio has-media cat-46 translation_priority-6\"><div class=\"portfolio-entry-inner entry-inner wpex-clr\"><div class=\"portfolio-entry-media entry-media wpex-clr\"><a href=\"https:\/\/www.garciafaura.com\/wp-content\/uploads\/2021\/10\/Alocs-Mataro\u0301-17.jpg\" title=\"Promoci\u00f3n Alocs Matar\u00f3\" class=\"portfolio-entry-media-link wpex-lightbox-gallery\" data-gallery=\"[{&quot;src&quot;:&quot;https:\\\/\\\/www.garciafaura.com\\\/wp-content\\\/uploads\\\/2021\\\/10\\\/Alocs-Mataro\\u0301-30.jpg&quot;,&quot;title&quot;:&quot;Alocs Matar\\u00f3 Garcia Faura&quot;},{&quot;src&quot;:&quot;https:\\\/\\\/www.garciafaura.com\\\/wp-content\\\/uploads\\\/2021\\\/10\\\/Alocs-Mataro\\u0301-29.jpg&quot;,&quot;title&quot;:&quot;Alocs Matar\\u00f3 Garcia Faura&quot;},{&quot;src&quot;:&quot;https:\\\/\\\/www.garciafaura.com\\\/wp-content\\\/uploads\\\/2021\\\/10\\\/Alocs-Mataro\\u0301-28.jpg&quot;,&quot;title&quot;:&quot;Alocs Matar\\u00f3 Garcia Faura&quot;},{&quot;src&quot;:&quot;https:\\\/\\\/www.garciafaura.com\\\/wp-content\\\/uploads\\\/2021\\\/10\\\/Alocs-Mataro\\u0301-27.jpg&quot;,&quot;title&quot;:&quot;Alocs Matar\\u00f3 Garcia Faura&quot;},{&quot;src&quot;:&quot;https:\\\/\\\/www.garciafaura.com\\\/wp-content\\\/uploads\\\/2021\\\/10\\\/Alocs-Mataro\\u0301-26.jpg&quot;,&quot;title&quot;:&quot;Alocs Matar\\u00f3 Garcia Faura&quot;},{&quot;src&quot;:&quot;https:\\\/\\\/www.garciafaura.com\\\/wp-content\\\/uploads\\\/2021\\\/10\\\/Alocs-Mataro\\u0301-25.jpg&quot;,&quot;title&quot;:&quot;Alocs Matar\\u00f3 Garcia Faura&quot;},{&quot;src&quot;:&quot;https:\\\/\\\/www.garciafaura.com\\\/wp-content\\\/uploads\\\/2021\\\/10\\\/Alocs-Mataro\\u0301-24.jpg&quot;,&quot;title&quot;:&quot;Alocs Matar\\u00f3 Garcia Faura&quot;},{&quot;src&quot;:&quot;https:\\\/\\\/www.garciafaura.com\\\/wp-content\\\/uploads\\\/2021\\\/10\\\/Alocs-Mataro\\u0301-23.jpg&quot;,&quot;title&quot;:&quot;Alocs Matar\\u00f3 Garcia Faura&quot;},{&quot;src&quot;:&quot;https:\\\/\\\/www.garciafaura.com\\\/wp-content\\\/uploads\\\/2021\\\/10\\\/Alocs-Mataro\\u0301-22.jpg&quot;,&quot;title&quot;:&quot;Alocs Matar\\u00f3 Garcia Faura&quot;},{&quot;src&quot;:&quot;https:\\\/\\\/www.garciafaura.com\\\/wp-content\\\/uploads\\\/2021\\\/10\\\/Alocs-Mataro\\u0301-21.jpg&quot;,&quot;title&quot;:&quot;Alocs Matar\\u00f3 Garcia Faura&quot;},{&quot;src&quot;:&quot;https:\\\/\\\/www.garciafaura.com\\\/wp-content\\\/uploads\\\/2021\\\/10\\\/Alocs-Mataro\\u0301-20.jpg&quot;,&quot;title&quot;:&quot;Alocs Matar\\u00f3 Garcia Faura&quot;},{&quot;src&quot;:&quot;https:\\\/\\\/www.garciafaura.com\\\/wp-content\\\/uploads\\\/2021\\\/10\\\/Alocs-Mataro\\u0301-19.jpg&quot;,&quot;title&quot;:&quot;Alocs Matar\\u00f3 Garcia Faura&quot;},{&quot;src&quot;:&quot;https:\\\/\\\/www.garciafaura.com\\\/wp-content\\\/uploads\\\/2021\\\/10\\\/Alocs-Mataro\\u0301-18.jpg&quot;,&quot;title&quot;:&quot;Alocs Matar\\u00f3 Garcia Faura&quot;},{&quot;src&quot;:&quot;https:\\\/\\\/www.garciafaura.com\\\/wp-content\\\/uploads\\\/2021\\\/10\\\/Alocs-Mataro\\u0301-17.jpg&quot;,&quot;title&quot;:&quot;Alocs Matar\\u00f3 Garcia Faura&quot;},{&quot;src&quot;:&quot;https:\\\/\\\/www.garciafaura.com\\\/wp-content\\\/uploads\\\/2021\\\/10\\\/Alocs-Mataro\\u0301-16.jpg&quot;,&quot;title&quot;:&quot;Alocs Matar\\u00f3 Garcia Faura&quot;},{&quot;src&quot;:&quot;https:\\\/\\\/www.garciafaura.com\\\/wp-content\\\/uploads\\\/2021\\\/10\\\/Alocs-Mataro\\u0301-15.jpg&quot;,&quot;title&quot;:&quot;Alocs Matar\\u00f3 Garcia Faura&quot;},{&quot;src&quot;:&quot;https:\\\/\\\/www.garciafaura.com\\\/wp-content\\\/uploads\\\/2021\\\/10\\\/Alocs-Mataro\\u0301-14.jpg&quot;,&quot;title&quot;:&quot;Alocs Matar\\u00f3 Garcia Faura&quot;},{&quot;src&quot;:&quot;https:\\\/\\\/www.garciafaura.com\\\/wp-content\\\/uploads\\\/2021\\\/10\\\/Alocs-Mataro\\u0301-13.jpg&quot;,&quot;title&quot;:&quot;Alocs Matar\\u00f3 Garcia Faura&quot;},{&quot;src&quot;:&quot;https:\\\/\\\/www.garciafaura.com\\\/wp-content\\\/uploads\\\/2021\\\/10\\\/Alocs-Mataro\\u0301-12.jpg&quot;,&quot;title&quot;:&quot;Alocs Matar\\u00f3 Garcia Faura&quot;},{&quot;src&quot;:&quot;https:\\\/\\\/www.garciafaura.com\\\/wp-content\\\/uploads\\\/2021\\\/10\\\/Alocs-Mataro\\u0301-11.jpg&quot;,&quot;title&quot;:&quot;Alocs Matar\\u00f3 Garcia Faura&quot;},{&quot;src&quot;:&quot;https:\\\/\\\/www.garciafaura.com\\\/wp-content\\\/uploads\\\/2021\\\/10\\\/Alocs-Mataro\\u0301-10.jpg&quot;,&quot;title&quot;:&quot;Alocs Matar\\u00f3 Garcia Faura&quot;},{&quot;src&quot;:&quot;https:\\\/\\\/www.garciafaura.com\\\/wp-content\\\/uploads\\\/2021\\\/10\\\/Alocs-Mataro\\u0301-09.jpg&quot;,&quot;title&quot;:&quot;Alocs Matar\\u00f3 Garcia Faura&quot;},{&quot;src&quot;:&quot;https:\\\/\\\/www.garciafaura.com\\\/wp-content\\\/uploads\\\/2021\\\/10\\\/Alocs-Mataro\\u0301-08.jpg&quot;,&quot;title&quot;:&quot;Alocs Matar\\u00f3 Garcia Faura&quot;},{&quot;src&quot;:&quot;https:\\\/\\\/www.garciafaura.com\\\/wp-content\\\/uploads\\\/2021\\\/10\\\/Alocs-Mataro\\u0301-07.jpg&quot;,&quot;title&quot;:&quot;Alocs Matar\\u00f3 Garcia Faura&quot;},{&quot;src&quot;:&quot;https:\\\/\\\/www.garciafaura.com\\\/wp-content\\\/uploads\\\/2021\\\/10\\\/Alocs-Mataro\\u0301-06.jpg&quot;,&quot;title&quot;:&quot;Alocs Matar\\u00f3 Garcia Faura&quot;},{&quot;src&quot;:&quot;https:\\\/\\\/www.garciafaura.com\\\/wp-content\\\/uploads\\\/2021\\\/10\\\/Alocs-Mataro\\u0301-05.jpg&quot;,&quot;title&quot;:&quot;Alocs Matar\\u00f3 Garcia Faura&quot;},{&quot;src&quot;:&quot;https:\\\/\\\/www.garciafaura.com\\\/wp-content\\\/uploads\\\/2021\\\/10\\\/Alocs-Mataro\\u0301-04.jpg&quot;,&quot;title&quot;:&quot;Alocs Matar\\u00f3 Garcia Faura&quot;},{&quot;src&quot;:&quot;https:\\\/\\\/www.garciafaura.com\\\/wp-content\\\/uploads\\\/2021\\\/10\\\/Alocs-Mataro\\u0301-03.jpg&quot;,&quot;title&quot;:&quot;Alocs Matar\\u00f3 Garcia Faura&quot;},{&quot;src&quot;:&quot;https:\\\/\\\/www.garciafaura.com\\\/wp-content\\\/uploads\\\/2021\\\/10\\\/Alocs-Mataro\\u0301-02.jpg&quot;,&quot;title&quot;:&quot;Alocs Matar\\u00f3 Garcia Faura&quot;},{&quot;src&quot;:&quot;https:\\\/\\\/www.garciafaura.com\\\/wp-content\\\/uploads\\\/2021\\\/10\\\/Alocs-Mataro\\u0301-01.jpg&quot;,&quot;title&quot;:&quot;Alocs Matar\\u00f3 Garcia Faura&quot;}]\"><img loading=\"lazy\" decoding=\"async\" data-no-lazy=\"1\" class=\"portfolio-entry-img skip-lazy\" src=\"https:\/\/www.garciafaura.com\/wp-content\/uploads\/2021\/10\/Alocs-Mataro\u0301-17-600x314.jpg\" alt=\"Alocs Matar\u00f3 Garcia Faura\" data-no-retina width=\"600\" height=\"314\" \/><\/a><\/div><div class=\"portfolio-entry-details entry-details wpex-clr\"><h2 class=\"portfolio-entry-title entry-title\"><a href=\"https:\/\/www.garciafaura.com\/es\/portfolio-item\/residencial-alocs-mataro\/\" title=\"Promoci\u00f3n Alocs Matar\u00f3\">Promoci\u00f3n Alocs Matar\u00f3<\/a><\/h2><div class=\"portfolio-entry-categories entry-categories wpex-clr\"><a href=\"https:\/\/www.garciafaura.com\/es\/portfolio-category\/conjuntos-residenciales\/\" class=\"term-46\">Conjuntos residenciales<\/a><\/div><\/div><\/div><\/div><div class=\"portfolio-entry vcex-grid-item entry-has-details span_1_of_3 col col-1 vcex-isotope-entry vcex-no-margin-entry post-23086 entry type-portfolio has-media cat-46 translation_priority-6\"><div class=\"portfolio-entry-inner entry-inner wpex-clr\"><div class=\"portfolio-entry-media entry-media wpex-clr\"><a href=\"https:\/\/www.garciafaura.com\/wp-content\/uploads\/2019\/09\/Promocio\u0301-Esse\u0300ncia-Sabadell-01.jpg\" title=\"Residencial Ess\u00e8ncia Sabadell\" class=\"portfolio-entry-media-link wpex-lightbox-gallery\" data-gallery=\"[{&quot;src&quot;:&quot;https:\\\/\\\/www.garciafaura.com\\\/wp-content\\\/uploads\\\/2019\\\/09\\\/Promocio\\u0301-Esse\\u0300ncia-Sabadell-01.jpg&quot;,&quot;title&quot;:&quot;Ess\\u00e8ncia Sabadell Garcia Faura&quot;},{&quot;src&quot;:&quot;https:\\\/\\\/www.garciafaura.com\\\/wp-content\\\/uploads\\\/2019\\\/09\\\/Promocio\\u0301-Esse\\u0300ncia-Sabadell-13.jpg&quot;,&quot;title&quot;:&quot;Ess\\u00e8ncia Sabadell Garcia Faura&quot;},{&quot;src&quot;:&quot;https:\\\/\\\/www.garciafaura.com\\\/wp-content\\\/uploads\\\/2019\\\/09\\\/Promocio\\u0301-Esse\\u0300ncia-Sabadell-12.jpg&quot;,&quot;title&quot;:&quot;Ess\\u00e8ncia Sabadell Garcia Faura&quot;},{&quot;src&quot;:&quot;https:\\\/\\\/www.garciafaura.com\\\/wp-content\\\/uploads\\\/2019\\\/09\\\/Promocio\\u0301-Esse\\u0300ncia-Sabadell-11.jpg&quot;,&quot;title&quot;:&quot;Ess\\u00e8ncia Sabadell Garcia Faura&quot;},{&quot;src&quot;:&quot;https:\\\/\\\/www.garciafaura.com\\\/wp-content\\\/uploads\\\/2019\\\/09\\\/Promocio\\u0301-Esse\\u0300ncia-Sabadell-10.jpg&quot;,&quot;title&quot;:&quot;Ess\\u00e8ncia Sabadell Garcia Faura&quot;},{&quot;src&quot;:&quot;https:\\\/\\\/www.garciafaura.com\\\/wp-content\\\/uploads\\\/2019\\\/09\\\/Promocio\\u0301-Esse\\u0300ncia-Sabadell-09.jpg&quot;,&quot;title&quot;:&quot;Ess\\u00e8ncia Sabadell Garcia Faura&quot;},{&quot;src&quot;:&quot;https:\\\/\\\/www.garciafaura.com\\\/wp-content\\\/uploads\\\/2019\\\/09\\\/Promocio\\u0301-Esse\\u0300ncia-Sabadell-08.jpg&quot;,&quot;title&quot;:&quot;Ess\\u00e8ncia Sabadell Garcia Faura&quot;},{&quot;src&quot;:&quot;https:\\\/\\\/www.garciafaura.com\\\/wp-content\\\/uploads\\\/2019\\\/09\\\/Promocio\\u0301-Esse\\u0300ncia-Sabadell-07.jpg&quot;,&quot;title&quot;:&quot;Ess\\u00e8ncia Sabadell Garcia Faura&quot;},{&quot;src&quot;:&quot;https:\\\/\\\/www.garciafaura.com\\\/wp-content\\\/uploads\\\/2019\\\/09\\\/Promocio\\u0301-Esse\\u0300ncia-Sabadell-06.jpg&quot;,&quot;title&quot;:&quot;Ess\\u00e8ncia Sabadell Garcia Faura&quot;},{&quot;src&quot;:&quot;https:\\\/\\\/www.garciafaura.com\\\/wp-content\\\/uploads\\\/2019\\\/09\\\/Promocio\\u0301-Esse\\u0300ncia-Sabadell-05.jpg&quot;,&quot;title&quot;:&quot;Ess\\u00e8ncia Sabadell Garcia Faura&quot;},{&quot;src&quot;:&quot;https:\\\/\\\/www.garciafaura.com\\\/wp-content\\\/uploads\\\/2019\\\/09\\\/Promocio\\u0301-Esse\\u0300ncia-Sabadell-04.jpg&quot;,&quot;title&quot;:&quot;Ess\\u00e8ncia Sabadell Garcia Faura&quot;},{&quot;src&quot;:&quot;https:\\\/\\\/www.garciafaura.com\\\/wp-content\\\/uploads\\\/2019\\\/09\\\/Promocio\\u0301-Esse\\u0300ncia-Sabadell-03.jpg&quot;,&quot;title&quot;:&quot;Ess\\u00e8ncia Sabadell Garcia Faura&quot;},{&quot;src&quot;:&quot;https:\\\/\\\/www.garciafaura.com\\\/wp-content\\\/uploads\\\/2019\\\/09\\\/Promocio\\u0301-Esse\\u0300ncia-Sabadell-02.jpg&quot;,&quot;title&quot;:&quot;Ess\\u00e8ncia Sabadell Garcia Faura&quot;}]\"><img loading=\"lazy\" decoding=\"async\" data-no-lazy=\"1\" class=\"portfolio-entry-img skip-lazy\" src=\"https:\/\/www.garciafaura.com\/wp-content\/uploads\/2019\/09\/Promocio\u0301-Esse\u0300ncia-Sabadell-01-600x314.jpg\" alt=\"Ess\u00e8ncia Sabadell Garcia Faura\" data-no-retina width=\"600\" height=\"314\" \/><\/a><\/div><div class=\"portfolio-entry-details entry-details wpex-clr\"><h2 class=\"portfolio-entry-title entry-title\"><a href=\"https:\/\/www.garciafaura.com\/es\/portfolio-item\/residencial-essencia-sabadell\/\" title=\"Residencial Ess\u00e8ncia Sabadell\">Residencial Ess\u00e8ncia Sabadell<\/a><\/h2><div class=\"portfolio-entry-categories entry-categories wpex-clr\"><a href=\"https:\/\/www.garciafaura.com\/es\/portfolio-category\/conjuntos-residenciales\/\" class=\"term-46\">Conjuntos residenciales<\/a><\/div><\/div><\/div><\/div><div class=\"portfolio-entry vcex-grid-item entry-has-details span_1_of_3 col col-2 vcex-isotope-entry vcex-no-margin-entry post-26162 entry type-portfolio has-media cat-46 translation_priority-6\"><div class=\"portfolio-entry-inner entry-inner wpex-clr\"><div class=\"portfolio-entry-media entry-media wpex-clr\"><a href=\"https:\/\/www.garciafaura.com\/wp-content\/uploads\/2020\/11\/MTP02717.jpg\" title=\"Residencial Casagemes Badalona\" class=\"portfolio-entry-media-link wpex-lightbox-gallery\" data-gallery=\"[{&quot;src&quot;:&quot;https:\\\/\\\/www.garciafaura.com\\\/wp-content\\\/uploads\\\/2020\\\/11\\\/MTP02717.jpg&quot;,&quot;title&quot;:&quot;Casagemes Badalona Garcia Faura&quot;},{&quot;src&quot;:&quot;https:\\\/\\\/www.garciafaura.com\\\/wp-content\\\/uploads\\\/2020\\\/11\\\/MTP02728.jpg&quot;,&quot;title&quot;:&quot;Casagemes Badalona Garcia Faura&quot;},{&quot;src&quot;:&quot;https:\\\/\\\/www.garciafaura.com\\\/wp-content\\\/uploads\\\/2020\\\/11\\\/MTP02723.jpg&quot;,&quot;title&quot;:&quot;Casagemes Badalona Garcia Faura&quot;},{&quot;src&quot;:&quot;https:\\\/\\\/www.garciafaura.com\\\/wp-content\\\/uploads\\\/2020\\\/11\\\/MTP02710.jpg&quot;,&quot;title&quot;:&quot;Casagemes Badalona Garcia Faura&quot;},{&quot;src&quot;:&quot;https:\\\/\\\/www.garciafaura.com\\\/wp-content\\\/uploads\\\/2020\\\/11\\\/MTP02704.jpg&quot;,&quot;title&quot;:&quot;Casagemes Badalona Garcia Faura&quot;},{&quot;src&quot;:&quot;https:\\\/\\\/www.garciafaura.com\\\/wp-content\\\/uploads\\\/2020\\\/11\\\/MTP02694.jpg&quot;,&quot;title&quot;:&quot;Casagemes Badalona Garcia Faura&quot;},{&quot;src&quot;:&quot;https:\\\/\\\/www.garciafaura.com\\\/wp-content\\\/uploads\\\/2020\\\/11\\\/MTP02688.jpg&quot;,&quot;title&quot;:&quot;Casagemes Badalona Garcia Faura&quot;},{&quot;src&quot;:&quot;https:\\\/\\\/www.garciafaura.com\\\/wp-content\\\/uploads\\\/2020\\\/11\\\/MTP02682.jpg&quot;,&quot;title&quot;:&quot;Casagemes Badalona Garcia Faura&quot;},{&quot;src&quot;:&quot;https:\\\/\\\/www.garciafaura.com\\\/wp-content\\\/uploads\\\/2020\\\/11\\\/MTP02681.jpg&quot;,&quot;title&quot;:&quot;Casagemes Badalona Garcia Faura&quot;},{&quot;src&quot;:&quot;https:\\\/\\\/www.garciafaura.com\\\/wp-content\\\/uploads\\\/2020\\\/11\\\/MTP02679.jpg&quot;,&quot;title&quot;:&quot;Casagemes Badalona Garcia Faura&quot;},{&quot;src&quot;:&quot;https:\\\/\\\/www.garciafaura.com\\\/wp-content\\\/uploads\\\/2020\\\/11\\\/MTP02674.jpg&quot;,&quot;title&quot;:&quot;Casagemes Badalona Garcia Faura&quot;},{&quot;src&quot;:&quot;https:\\\/\\\/www.garciafaura.com\\\/wp-content\\\/uploads\\\/2020\\\/11\\\/MTP02665.jpg&quot;,&quot;title&quot;:&quot;Casagemes Badalona Garcia Faura&quot;},{&quot;src&quot;:&quot;https:\\\/\\\/www.garciafaura.com\\\/wp-content\\\/uploads\\\/2020\\\/11\\\/MTP02663.jpg&quot;,&quot;title&quot;:&quot;Casagemes Badalona Garcia Faura&quot;},{&quot;src&quot;:&quot;https:\\\/\\\/www.garciafaura.com\\\/wp-content\\\/uploads\\\/2020\\\/11\\\/MTP02661.jpg&quot;,&quot;title&quot;:&quot;Casagemes Badalona Garcia Faura&quot;},{&quot;src&quot;:&quot;https:\\\/\\\/www.garciafaura.com\\\/wp-content\\\/uploads\\\/2020\\\/11\\\/MTP02655.jpg&quot;,&quot;title&quot;:&quot;Casagemes Badalona Garcia Faura&quot;}]\"><img loading=\"lazy\" decoding=\"async\" data-no-lazy=\"1\" class=\"portfolio-entry-img skip-lazy\" src=\"https:\/\/www.garciafaura.com\/wp-content\/uploads\/2020\/11\/MTP02717-600x314.jpg\" alt=\"Casagemes Badalona Garcia Faura\" data-no-retina width=\"600\" height=\"314\" \/><\/a><\/div><div class=\"portfolio-entry-details entry-details wpex-clr\"><h2 class=\"portfolio-entry-title entry-title\"><a href=\"https:\/\/www.garciafaura.com\/es\/portfolio-item\/residencial-casagemes\/\" title=\"Residencial Casagemes Badalona\">Residencial Casagemes Badalona<\/a><\/h2><div class=\"portfolio-entry-categories entry-categories wpex-clr\"><a href=\"https:\/\/www.garciafaura.com\/es\/portfolio-category\/conjuntos-residenciales\/\" class=\"term-46\">Conjuntos residenciales<\/a><\/div><\/div><\/div><\/div><div class=\"portfolio-entry vcex-grid-item entry-has-details span_1_of_3 col col-3 vcex-isotope-entry vcex-no-margin-entry post-25933 entry type-portfolio has-media cat-46 translation_priority-6\"><div class=\"portfolio-entry-inner entry-inner wpex-clr\"><div class=\"portfolio-entry-media entry-media wpex-clr\"><a href=\"https:\/\/www.garciafaura.com\/wp-content\/uploads\/2020\/08\/Residencial-Ernest-Lluch-Mataro\u0301-01.jpg\" title=\"Residencial Ernest Lluch Matar\u00f3\" class=\"portfolio-entry-media-link wpex-lightbox-gallery\" data-gallery=\"[{&quot;src&quot;:&quot;https:\\\/\\\/www.garciafaura.com\\\/wp-content\\\/uploads\\\/2020\\\/08\\\/Residencial-Ernest-Lluch-Mataro\\u0301-01.jpg&quot;},{&quot;src&quot;:&quot;https:\\\/\\\/www.garciafaura.com\\\/wp-content\\\/uploads\\\/2020\\\/08\\\/Residencial-Ernest-Lluch-Mataro\\u0301-11.jpg&quot;},{&quot;src&quot;:&quot;https:\\\/\\\/www.garciafaura.com\\\/wp-content\\\/uploads\\\/2020\\\/08\\\/Residencial-Ernest-Lluch-Mataro\\u0301-10.jpg&quot;},{&quot;src&quot;:&quot;https:\\\/\\\/www.garciafaura.com\\\/wp-content\\\/uploads\\\/2020\\\/08\\\/Residencial-Ernest-Lluch-Mataro\\u0301-09.jpg&quot;},{&quot;src&quot;:&quot;https:\\\/\\\/www.garciafaura.com\\\/wp-content\\\/uploads\\\/2020\\\/08\\\/Residencial-Ernest-Lluch-Mataro\\u0301-08.jpg&quot;},{&quot;src&quot;:&quot;https:\\\/\\\/www.garciafaura.com\\\/wp-content\\\/uploads\\\/2020\\\/08\\\/Residencial-Ernest-Lluch-Mataro\\u0301-07.jpg&quot;},{&quot;src&quot;:&quot;https:\\\/\\\/www.garciafaura.com\\\/wp-content\\\/uploads\\\/2020\\\/08\\\/Residencial-Ernest-Lluch-Mataro\\u0301-06.jpg&quot;},{&quot;src&quot;:&quot;https:\\\/\\\/www.garciafaura.com\\\/wp-content\\\/uploads\\\/2020\\\/08\\\/Residencial-Ernest-Lluch-Mataro\\u0301-05.jpg&quot;},{&quot;src&quot;:&quot;https:\\\/\\\/www.garciafaura.com\\\/wp-content\\\/uploads\\\/2020\\\/08\\\/Residencial-Ernest-Lluch-Mataro\\u0301-04.jpg&quot;},{&quot;src&quot;:&quot;https:\\\/\\\/www.garciafaura.com\\\/wp-content\\\/uploads\\\/2020\\\/08\\\/Residencial-Ernest-Lluch-Mataro\\u0301-03.jpg&quot;},{&quot;src&quot;:&quot;https:\\\/\\\/www.garciafaura.com\\\/wp-content\\\/uploads\\\/2020\\\/08\\\/Residencial-Ernest-Lluch-Mataro\\u0301-02.jpg&quot;}]\"><img loading=\"lazy\" decoding=\"async\" data-no-lazy=\"1\" class=\"portfolio-entry-img skip-lazy\" src=\"https:\/\/www.garciafaura.com\/wp-content\/uploads\/2020\/08\/Residencial-Ernest-Lluch-Mataro\u0301-01-600x314.jpg\" alt='' data-no-retina width=\"600\" height=\"314\" \/><\/a><\/div><div class=\"portfolio-entry-details entry-details wpex-clr\"><h2 class=\"portfolio-entry-title entry-title\"><a href=\"https:\/\/www.garciafaura.com\/es\/portfolio-item\/residencial-ernest-lluch-mataro\/\" title=\"Residencial Ernest Lluch Matar\u00f3\">Residencial Ernest Lluch Matar\u00f3<\/a><\/h2><div class=\"portfolio-entry-categories entry-categories wpex-clr\"><a href=\"https:\/\/www.garciafaura.com\/es\/portfolio-category\/conjuntos-residenciales\/\" class=\"term-46\">Conjuntos residenciales<\/a><\/div><\/div><\/div><\/div><div class=\"portfolio-entry vcex-grid-item entry-has-details span_1_of_3 col col-1 vcex-isotope-entry vcex-no-margin-entry post-24679 entry type-portfolio has-media cat-46 translation_priority-6\"><div class=\"portfolio-entry-inner entry-inner wpex-clr\"><div class=\"portfolio-entry-media entry-media wpex-clr\"><a href=\"https:\/\/www.garciafaura.com\/wp-content\/uploads\/2020\/01\/Promocio\u0301-Sant-Just-Home-01.jpg\" title=\"Promoci\u00f3n Sant Just Home\" class=\"portfolio-entry-media-link wpex-lightbox-gallery\" data-gallery=\"[{&quot;src&quot;:&quot;https:\\\/\\\/www.garciafaura.com\\\/wp-content\\\/uploads\\\/2020\\\/01\\\/Promocio\\u0301-Sant-Just-Home-01.jpg&quot;},{&quot;src&quot;:&quot;https:\\\/\\\/www.garciafaura.com\\\/wp-content\\\/uploads\\\/2020\\\/01\\\/Promocio\\u0301-Sant-Just-Home-35.jpg&quot;},{&quot;src&quot;:&quot;https:\\\/\\\/www.garciafaura.com\\\/wp-content\\\/uploads\\\/2020\\\/01\\\/Promocio\\u0301-Sant-Just-Home-34.jpg&quot;},{&quot;src&quot;:&quot;https:\\\/\\\/www.garciafaura.com\\\/wp-content\\\/uploads\\\/2020\\\/01\\\/Promocio\\u0301-Sant-Just-Home-33.jpg&quot;},{&quot;src&quot;:&quot;https:\\\/\\\/www.garciafaura.com\\\/wp-content\\\/uploads\\\/2020\\\/01\\\/Promocio\\u0301-Sant-Just-Home-32.jpg&quot;},{&quot;src&quot;:&quot;https:\\\/\\\/www.garciafaura.com\\\/wp-content\\\/uploads\\\/2020\\\/01\\\/Promocio\\u0301-Sant-Just-Home-31.jpg&quot;},{&quot;src&quot;:&quot;https:\\\/\\\/www.garciafaura.com\\\/wp-content\\\/uploads\\\/2020\\\/01\\\/Promocio\\u0301-Sant-Just-Home-30.jpg&quot;},{&quot;src&quot;:&quot;https:\\\/\\\/www.garciafaura.com\\\/wp-content\\\/uploads\\\/2020\\\/01\\\/Promocio\\u0301-Sant-Just-Home-29.jpg&quot;},{&quot;src&quot;:&quot;https:\\\/\\\/www.garciafaura.com\\\/wp-content\\\/uploads\\\/2020\\\/01\\\/Promocio\\u0301-Sant-Just-Home-28.jpg&quot;},{&quot;src&quot;:&quot;https:\\\/\\\/www.garciafaura.com\\\/wp-content\\\/uploads\\\/2020\\\/01\\\/Promocio\\u0301-Sant-Just-Home-27.jpg&quot;},{&quot;src&quot;:&quot;https:\\\/\\\/www.garciafaura.com\\\/wp-content\\\/uploads\\\/2020\\\/01\\\/Promocio\\u0301-Sant-Just-Home-26.jpg&quot;},{&quot;src&quot;:&quot;https:\\\/\\\/www.garciafaura.com\\\/wp-content\\\/uploads\\\/2020\\\/01\\\/Promocio\\u0301-Sant-Just-Home-25.jpg&quot;},{&quot;src&quot;:&quot;https:\\\/\\\/www.garciafaura.com\\\/wp-content\\\/uploads\\\/2020\\\/01\\\/Promocio\\u0301-Sant-Just-Home-24.jpg&quot;},{&quot;src&quot;:&quot;https:\\\/\\\/www.garciafaura.com\\\/wp-content\\\/uploads\\\/2020\\\/01\\\/Promocio\\u0301-Sant-Just-Home-23.jpg&quot;},{&quot;src&quot;:&quot;https:\\\/\\\/www.garciafaura.com\\\/wp-content\\\/uploads\\\/2020\\\/01\\\/Promocio\\u0301-Sant-Just-Home-22.jpg&quot;},{&quot;src&quot;:&quot;https:\\\/\\\/www.garciafaura.com\\\/wp-content\\\/uploads\\\/2020\\\/01\\\/Promocio\\u0301-Sant-Just-Home-21.jpg&quot;},{&quot;src&quot;:&quot;https:\\\/\\\/www.garciafaura.com\\\/wp-content\\\/uploads\\\/2020\\\/01\\\/Promocio\\u0301-Sant-Just-Home-20.jpg&quot;},{&quot;src&quot;:&quot;https:\\\/\\\/www.garciafaura.com\\\/wp-content\\\/uploads\\\/2020\\\/01\\\/Promocio\\u0301-Sant-Just-Home-19.jpg&quot;},{&quot;src&quot;:&quot;https:\\\/\\\/www.garciafaura.com\\\/wp-content\\\/uploads\\\/2020\\\/01\\\/Promocio\\u0301-Sant-Just-Home-18.jpg&quot;},{&quot;src&quot;:&quot;https:\\\/\\\/www.garciafaura.com\\\/wp-content\\\/uploads\\\/2020\\\/01\\\/Promocio\\u0301-Sant-Just-Home-17.jpg&quot;},{&quot;src&quot;:&quot;https:\\\/\\\/www.garciafaura.com\\\/wp-content\\\/uploads\\\/2020\\\/01\\\/Promocio\\u0301-Sant-Just-Home-16.jpg&quot;},{&quot;src&quot;:&quot;https:\\\/\\\/www.garciafaura.com\\\/wp-content\\\/uploads\\\/2020\\\/01\\\/Promocio\\u0301-Sant-Just-Home-15.jpg&quot;},{&quot;src&quot;:&quot;https:\\\/\\\/www.garciafaura.com\\\/wp-content\\\/uploads\\\/2020\\\/01\\\/Promocio\\u0301-Sant-Just-Home-14.jpg&quot;},{&quot;src&quot;:&quot;https:\\\/\\\/www.garciafaura.com\\\/wp-content\\\/uploads\\\/2020\\\/01\\\/Promocio\\u0301-Sant-Just-Home-13.jpg&quot;},{&quot;src&quot;:&quot;https:\\\/\\\/www.garciafaura.com\\\/wp-content\\\/uploads\\\/2020\\\/01\\\/Promocio\\u0301-Sant-Just-Home-12.jpg&quot;},{&quot;src&quot;:&quot;https:\\\/\\\/www.garciafaura.com\\\/wp-content\\\/uploads\\\/2020\\\/01\\\/Promocio\\u0301-Sant-Just-Home-11.jpg&quot;},{&quot;src&quot;:&quot;https:\\\/\\\/www.garciafaura.com\\\/wp-content\\\/uploads\\\/2020\\\/01\\\/Promocio\\u0301-Sant-Just-Home-10.jpg&quot;},{&quot;src&quot;:&quot;https:\\\/\\\/www.garciafaura.com\\\/wp-content\\\/uploads\\\/2020\\\/01\\\/Promocio\\u0301-Sant-Just-Home-09.jpg&quot;},{&quot;src&quot;:&quot;https:\\\/\\\/www.garciafaura.com\\\/wp-content\\\/uploads\\\/2020\\\/01\\\/Promocio\\u0301-Sant-Just-Home-08.jpg&quot;},{&quot;src&quot;:&quot;https:\\\/\\\/www.garciafaura.com\\\/wp-content\\\/uploads\\\/2020\\\/01\\\/Promocio\\u0301-Sant-Just-Home-07.jpg&quot;},{&quot;src&quot;:&quot;https:\\\/\\\/www.garciafaura.com\\\/wp-content\\\/uploads\\\/2020\\\/01\\\/Promocio\\u0301-Sant-Just-Home-06.jpg&quot;},{&quot;src&quot;:&quot;https:\\\/\\\/www.garciafaura.com\\\/wp-content\\\/uploads\\\/2020\\\/01\\\/Promocio\\u0301-Sant-Just-Home-05.jpg&quot;},{&quot;src&quot;:&quot;https:\\\/\\\/www.garciafaura.com\\\/wp-content\\\/uploads\\\/2020\\\/01\\\/Promocio\\u0301-Sant-Just-Home-04.jpg&quot;},{&quot;src&quot;:&quot;https:\\\/\\\/www.garciafaura.com\\\/wp-content\\\/uploads\\\/2020\\\/01\\\/Promocio\\u0301-Sant-Just-Home-03.jpg&quot;},{&quot;src&quot;:&quot;https:\\\/\\\/www.garciafaura.com\\\/wp-content\\\/uploads\\\/2020\\\/01\\\/Promocio\\u0301-Sant-Just-Home-02.jpg&quot;}]\"><img loading=\"lazy\" decoding=\"async\" data-no-lazy=\"1\" class=\"portfolio-entry-img skip-lazy\" src=\"https:\/\/www.garciafaura.com\/wp-content\/uploads\/2020\/01\/Promocio\u0301-Sant-Just-Home-01-600x314.jpg\" alt='' data-no-retina width=\"600\" height=\"314\" \/><\/a><\/div><div class=\"portfolio-entry-details entry-details wpex-clr\"><h2 class=\"portfolio-entry-title entry-title\"><a href=\"https:\/\/www.garciafaura.com\/es\/portfolio-item\/promocion-sant-just-home\/\" title=\"Promoci\u00f3n Sant Just Home\">Promoci\u00f3n Sant Just Home<\/a><\/h2><div class=\"portfolio-entry-categories entry-categories wpex-clr\"><a href=\"https:\/\/www.garciafaura.com\/es\/portfolio-category\/conjuntos-residenciales\/\" class=\"term-46\">Conjuntos residenciales<\/a><\/div><\/div><\/div><\/div><div class=\"portfolio-entry vcex-grid-item entry-has-details span_1_of_3 col col-2 vcex-isotope-entry vcex-no-margin-entry post-24485 entry type-portfolio has-media cat-46 cat-55 cat-56 translation_priority-6\"><div class=\"portfolio-entry-inner entry-inner wpex-clr\"><div class=\"portfolio-entry-media entry-media wpex-clr\"><a href=\"https:\/\/www.garciafaura.com\/wp-content\/uploads\/2019\/11\/12333-01.jpg\" title=\"Edificio Lumini\" class=\"portfolio-entry-media-link wpex-lightbox-gallery\" data-gallery=\"[{&quot;src&quot;:&quot;https:\\\/\\\/www.garciafaura.com\\\/wp-content\\\/uploads\\\/2019\\\/11\\\/12333-01.jpg&quot;,&quot;title&quot;:&quot;Lumini&quot;},{&quot;src&quot;:&quot;https:\\\/\\\/www.garciafaura.com\\\/wp-content\\\/uploads\\\/2019\\\/11\\\/12333-05.jpg&quot;,&quot;title&quot;:&quot;Lumini&quot;},{&quot;src&quot;:&quot;https:\\\/\\\/www.garciafaura.com\\\/wp-content\\\/uploads\\\/2019\\\/11\\\/12333-04.jpg&quot;,&quot;title&quot;:&quot;Lumini&quot;},{&quot;src&quot;:&quot;https:\\\/\\\/www.garciafaura.com\\\/wp-content\\\/uploads\\\/2019\\\/11\\\/12333-03.jpg&quot;,&quot;title&quot;:&quot;Lumini&quot;},{&quot;src&quot;:&quot;https:\\\/\\\/www.garciafaura.com\\\/wp-content\\\/uploads\\\/2019\\\/11\\\/12333-02.jpg&quot;,&quot;title&quot;:&quot;Lumini&quot;}]\"><img loading=\"lazy\" decoding=\"async\" data-no-lazy=\"1\" class=\"portfolio-entry-img skip-lazy\" src=\"https:\/\/www.garciafaura.com\/wp-content\/uploads\/2019\/11\/12333-01-600x314.jpg\" alt=\"Lumini\" data-no-retina width=\"600\" height=\"314\" \/><\/a><\/div><div class=\"portfolio-entry-details entry-details wpex-clr\"><h2 class=\"portfolio-entry-title entry-title\"><a href=\"https:\/\/www.garciafaura.com\/es\/portfolio-item\/edificio-lumini\/\" title=\"Edificio Lumini\">Edificio Lumini<\/a><\/h2><div class=\"portfolio-entry-categories entry-categories wpex-clr\"><a href=\"https:\/\/www.garciafaura.com\/es\/portfolio-category\/conjuntos-residenciales\/\" class=\"term-46\">Conjuntos residenciales<\/a><\/div><\/div><\/div><\/div><div class=\"portfolio-entry vcex-grid-item entry-has-details span_1_of_3 col col-3 vcex-isotope-entry vcex-no-margin-entry post-24320 entry type-portfolio has-media cat-46 translation_priority-6\"><div class=\"portfolio-entry-inner entry-inner wpex-clr\"><div class=\"portfolio-entry-media entry-media wpex-clr\"><a href=\"https:\/\/www.garciafaura.com\/wp-content\/uploads\/2019\/10\/Promocio\u0301-realia-Sant-Joan-Despi\u0301-01.jpg\" title=\"Promoci\u00f3n Onze Setembre Sant Joan Desp\u00ed\" class=\"portfolio-entry-media-link wpex-lightbox-gallery\" data-gallery=\"[{&quot;src&quot;:&quot;https:\\\/\\\/www.garciafaura.com\\\/wp-content\\\/uploads\\\/2019\\\/10\\\/Promocio\\u0301-realia-Sant-Joan-Despi\\u0301-01.jpg&quot;,&quot;title&quot;:&quot;Realia Sant Joan Desp\\u00ed Garcia Faura&quot;},{&quot;src&quot;:&quot;https:\\\/\\\/www.garciafaura.com\\\/wp-content\\\/uploads\\\/2019\\\/10\\\/Promocio\\u0301-realia-Sant-Joan-Despi\\u0301-15.jpg&quot;,&quot;title&quot;:&quot;Realia Sant Joan Desp\\u00ed Garcia Faura&quot;},{&quot;src&quot;:&quot;https:\\\/\\\/www.garciafaura.com\\\/wp-content\\\/uploads\\\/2019\\\/10\\\/Promocio\\u0301-realia-Sant-Joan-Despi\\u0301-14.jpg&quot;,&quot;title&quot;:&quot;Realia Sant Joan Desp\\u00ed Garcia Faura&quot;},{&quot;src&quot;:&quot;https:\\\/\\\/www.garciafaura.com\\\/wp-content\\\/uploads\\\/2019\\\/10\\\/Promocio\\u0301-realia-Sant-Joan-Despi\\u0301-13.jpg&quot;,&quot;title&quot;:&quot;Realia Sant Joan Desp\\u00ed Garcia Faura&quot;},{&quot;src&quot;:&quot;https:\\\/\\\/www.garciafaura.com\\\/wp-content\\\/uploads\\\/2019\\\/10\\\/Promocio\\u0301-realia-Sant-Joan-Despi\\u0301-12.jpg&quot;,&quot;title&quot;:&quot;Realia Sant Joan Desp\\u00ed Garcia Faura&quot;},{&quot;src&quot;:&quot;https:\\\/\\\/www.garciafaura.com\\\/wp-content\\\/uploads\\\/2019\\\/10\\\/Promocio\\u0301-realia-Sant-Joan-Despi\\u0301-11.jpg&quot;,&quot;title&quot;:&quot;Realia Sant Joan Desp\\u00ed Garcia Faura&quot;},{&quot;src&quot;:&quot;https:\\\/\\\/www.garciafaura.com\\\/wp-content\\\/uploads\\\/2019\\\/10\\\/Promocio\\u0301-realia-Sant-Joan-Despi\\u0301-10.jpg&quot;,&quot;title&quot;:&quot;Realia Sant Joan Desp\\u00ed Garcia Faura&quot;},{&quot;src&quot;:&quot;https:\\\/\\\/www.garciafaura.com\\\/wp-content\\\/uploads\\\/2019\\\/10\\\/Promocio\\u0301-realia-Sant-Joan-Despi\\u0301-09.jpg&quot;,&quot;title&quot;:&quot;Realia Sant Joan Desp\\u00ed Garcia Faura&quot;},{&quot;src&quot;:&quot;https:\\\/\\\/www.garciafaura.com\\\/wp-content\\\/uploads\\\/2019\\\/10\\\/Promocio\\u0301-realia-Sant-Joan-Despi\\u0301-08.jpg&quot;,&quot;title&quot;:&quot;Realia Sant Joan Desp\\u00ed Garcia Faura&quot;},{&quot;src&quot;:&quot;https:\\\/\\\/www.garciafaura.com\\\/wp-content\\\/uploads\\\/2019\\\/10\\\/Promocio\\u0301-realia-Sant-Joan-Despi\\u0301-07.jpg&quot;,&quot;title&quot;:&quot;Realia Sant Joan Desp\\u00ed Garcia Faura&quot;},{&quot;src&quot;:&quot;https:\\\/\\\/www.garciafaura.com\\\/wp-content\\\/uploads\\\/2019\\\/10\\\/Promocio\\u0301-realia-Sant-Joan-Despi\\u0301-06.jpg&quot;,&quot;title&quot;:&quot;Realia Sant Joan Desp\\u00ed Garcia Faura&quot;},{&quot;src&quot;:&quot;https:\\\/\\\/www.garciafaura.com\\\/wp-content\\\/uploads\\\/2019\\\/10\\\/Promocio\\u0301-realia-Sant-Joan-Despi\\u0301-05.jpg&quot;,&quot;title&quot;:&quot;Realia Sant Joan Desp\\u00ed Garcia Faura&quot;},{&quot;src&quot;:&quot;https:\\\/\\\/www.garciafaura.com\\\/wp-content\\\/uploads\\\/2019\\\/10\\\/Promocio\\u0301-realia-Sant-Joan-Despi\\u0301-04.jpg&quot;,&quot;title&quot;:&quot;Realia Sant Joan Desp\\u00ed Garcia Faura&quot;},{&quot;src&quot;:&quot;https:\\\/\\\/www.garciafaura.com\\\/wp-content\\\/uploads\\\/2019\\\/10\\\/Promocio\\u0301-realia-Sant-Joan-Despi\\u0301-03.jpg&quot;,&quot;title&quot;:&quot;Realia Sant Joan Desp\\u00ed Garcia Faura&quot;},{&quot;src&quot;:&quot;https:\\\/\\\/www.garciafaura.com\\\/wp-content\\\/uploads\\\/2019\\\/10\\\/Promocio\\u0301-realia-Sant-Joan-Despi\\u0301-02.jpg&quot;,&quot;title&quot;:&quot;Realia Sant Joan Desp\\u00ed Garcia Faura&quot;}]\"><img loading=\"lazy\" decoding=\"async\" data-no-lazy=\"1\" class=\"portfolio-entry-img skip-lazy\" src=\"https:\/\/www.garciafaura.com\/wp-content\/uploads\/2019\/10\/Promocio\u0301-realia-Sant-Joan-Despi\u0301-01-600x314.jpg\" alt=\"Realia Sant Joan Desp\u00ed Garcia Faura\" data-no-retina width=\"600\" height=\"314\" \/><\/a><\/div><div class=\"portfolio-entry-details entry-details wpex-clr\"><h2 class=\"portfolio-entry-title entry-title\"><a href=\"https:\/\/www.garciafaura.com\/es\/portfolio-item\/promocion-onze-setembre-sant-joan-despi\/\" title=\"Promoci\u00f3n Onze Setembre Sant Joan Desp\u00ed\">Promoci\u00f3n Onze Setembre Sant Joan Desp\u00ed<\/a><\/h2><div class=\"portfolio-entry-categories entry-categories wpex-clr\"><a href=\"https:\/\/www.garciafaura.com\/es\/portfolio-category\/conjuntos-residenciales\/\" class=\"term-46\">Conjuntos residenciales<\/a><\/div><\/div><\/div><\/div><div class=\"portfolio-entry vcex-grid-item entry-has-details span_1_of_3 col col-1 vcex-isotope-entry vcex-no-margin-entry post-24292 entry type-portfolio has-media cat-46 translation_priority-6\"><div class=\"portfolio-entry-inner entry-inner wpex-clr\"><div class=\"portfolio-entry-media entry-media wpex-clr\"><a href=\"https:\/\/www.garciafaura.com\/wp-content\/uploads\/2019\/10\/Promocio-Jardins-del-Forum-01.jpg\" title=\"Promoci\u00f3n Jardins del F\u00f2rum\" class=\"portfolio-entry-media-link wpex-lightbox-gallery\" data-gallery=\"[{&quot;src&quot;:&quot;https:\\\/\\\/www.garciafaura.com\\\/wp-content\\\/uploads\\\/2019\\\/10\\\/Promocio-Jardins-del-Forum-01.jpg&quot;},{&quot;src&quot;:&quot;https:\\\/\\\/www.garciafaura.com\\\/wp-content\\\/uploads\\\/2019\\\/10\\\/Promocio-Jardins-del-Forum-09.jpg&quot;},{&quot;src&quot;:&quot;https:\\\/\\\/www.garciafaura.com\\\/wp-content\\\/uploads\\\/2019\\\/10\\\/Promocio-Jardins-del-Forum-08.jpg&quot;},{&quot;src&quot;:&quot;https:\\\/\\\/www.garciafaura.com\\\/wp-content\\\/uploads\\\/2019\\\/10\\\/Promocio-Jardins-del-Forum-07.jpg&quot;},{&quot;src&quot;:&quot;https:\\\/\\\/www.garciafaura.com\\\/wp-content\\\/uploads\\\/2019\\\/10\\\/Promocio-Jardins-del-Forum-06.jpg&quot;},{&quot;src&quot;:&quot;https:\\\/\\\/www.garciafaura.com\\\/wp-content\\\/uploads\\\/2019\\\/10\\\/Promocio-Jardins-del-Forum-05.jpg&quot;},{&quot;src&quot;:&quot;https:\\\/\\\/www.garciafaura.com\\\/wp-content\\\/uploads\\\/2019\\\/10\\\/Promocio-Jardins-del-Forum-04.jpg&quot;},{&quot;src&quot;:&quot;https:\\\/\\\/www.garciafaura.com\\\/wp-content\\\/uploads\\\/2019\\\/10\\\/Promocio-Jardins-del-Forum-03.jpg&quot;},{&quot;src&quot;:&quot;https:\\\/\\\/www.garciafaura.com\\\/wp-content\\\/uploads\\\/2019\\\/10\\\/Promocio-Jardins-del-Forum-02.jpg&quot;}]\"><img loading=\"lazy\" decoding=\"async\" data-no-lazy=\"1\" class=\"portfolio-entry-img skip-lazy\" src=\"https:\/\/www.garciafaura.com\/wp-content\/uploads\/2019\/10\/Promocio-Jardins-del-Forum-01-600x314.jpg\" alt='' data-no-retina width=\"600\" height=\"314\" \/><\/a><\/div><div class=\"portfolio-entry-details entry-details wpex-clr\"><h2 class=\"portfolio-entry-title entry-title\"><a href=\"https:\/\/www.garciafaura.com\/es\/portfolio-item\/promocion-jardins-del-forum\/\" title=\"Promoci\u00f3n Jardins del F\u00f2rum\">Promoci\u00f3n Jardins del F\u00f2rum<\/a><\/h2><div class=\"portfolio-entry-categories entry-categories wpex-clr\"><a href=\"https:\/\/www.garciafaura.com\/es\/portfolio-category\/conjuntos-residenciales\/\" class=\"term-46\">Conjuntos residenciales<\/a><\/div><\/div><\/div><\/div><div class=\"portfolio-entry vcex-grid-item entry-has-details span_1_of_3 col col-2 vcex-isotope-entry vcex-no-margin-entry post-23247 entry type-portfolio has-media cat-46 cat-58 cat-59 translation_priority-6\"><div class=\"portfolio-entry-inner entry-inner wpex-clr\"><div class=\"portfolio-entry-media entry-media wpex-clr\"><a href=\"https:\/\/www.garciafaura.com\/wp-content\/uploads\/2019\/09\/Rehabilitacio\u0301-Edifici-Hospitalet-01.jpg\" title=\"Rehabilitaci\u00f3n edificio l&#8217;Hospitalet\" class=\"portfolio-entry-media-link wpex-lightbox-gallery\" data-gallery=\"[{&quot;src&quot;:&quot;https:\\\/\\\/www.garciafaura.com\\\/wp-content\\\/uploads\\\/2019\\\/09\\\/Rehabilitacio\\u0301-Edifici-Hospitalet-01.jpg&quot;,&quot;title&quot;:&quot;Rehabilitacio\\u0301n Edifici Hospitalet&quot;},{&quot;src&quot;:&quot;https:\\\/\\\/www.garciafaura.com\\\/wp-content\\\/uploads\\\/2019\\\/09\\\/Rehabilitacio\\u0301-Edifici-Hospitalet-02.jpg&quot;,&quot;title&quot;:&quot;Rehabilitacio\\u0301n Edifici Hospitalet&quot;},{&quot;src&quot;:&quot;https:\\\/\\\/www.garciafaura.com\\\/wp-content\\\/uploads\\\/2019\\\/09\\\/Rehabilitacio\\u0301-Edifici-Hospitalet-03.jpg&quot;,&quot;title&quot;:&quot;Rehabilitacio\\u0301n Edifici Hospitalet&quot;},{&quot;src&quot;:&quot;https:\\\/\\\/www.garciafaura.com\\\/wp-content\\\/uploads\\\/2019\\\/09\\\/Rehabilitacio\\u0301-Edifici-Hospitalet-04.jpg&quot;,&quot;title&quot;:&quot;Rehabilitacio\\u0301n Edifici Hospitalet&quot;},{&quot;src&quot;:&quot;https:\\\/\\\/www.garciafaura.com\\\/wp-content\\\/uploads\\\/2019\\\/09\\\/Rehabilitacio\\u0301-Edifici-Hospitalet-05.jpg&quot;,&quot;title&quot;:&quot;Rehabilitacio\\u0301n Edifici Hospitalet&quot;},{&quot;src&quot;:&quot;https:\\\/\\\/www.garciafaura.com\\\/wp-content\\\/uploads\\\/2019\\\/09\\\/Rehabilitacio\\u0301-Edifici-Hospitalet-06.jpg&quot;,&quot;title&quot;:&quot;Rehabilitacio\\u0301n Edifici Hospitalet&quot;},{&quot;src&quot;:&quot;https:\\\/\\\/www.garciafaura.com\\\/wp-content\\\/uploads\\\/2019\\\/09\\\/Rehabilitacio\\u0301-Edifici-Hospitalet-07.jpg&quot;,&quot;title&quot;:&quot;Rehabilitacio\\u0301n Edifici Hospitalet&quot;}]\"><img loading=\"lazy\" decoding=\"async\" data-no-lazy=\"1\" class=\"portfolio-entry-img skip-lazy\" src=\"https:\/\/www.garciafaura.com\/wp-content\/uploads\/2019\/09\/Rehabilitacio\u0301-Edifici-Hospitalet-01-600x314.jpg\" alt=\"Rehabilitacio\u0301n Edifici Hospitalet\" data-no-retina width=\"600\" height=\"314\" \/><\/a><\/div><div class=\"portfolio-entry-details entry-details wpex-clr\"><h2 class=\"portfolio-entry-title entry-title\"><a href=\"https:\/\/www.garciafaura.com\/es\/portfolio-item\/rehabilitacion-edificio-lhospitalet\/\" title=\"Rehabilitaci\u00f3n edificio l&#8217;Hospitalet\">Rehabilitaci\u00f3n edificio l&#8217;Hospitalet<\/a><\/h2><div class=\"portfolio-entry-categories entry-categories wpex-clr\"><a href=\"https:\/\/www.garciafaura.com\/es\/portfolio-category\/conjuntos-residenciales\/\" class=\"term-46\">Conjuntos residenciales<\/a><\/div><\/div><\/div><\/div><div class=\"portfolio-entry vcex-grid-item entry-has-details span_1_of_3 col col-3 vcex-isotope-entry vcex-no-margin-entry post-23188 entry type-portfolio has-media cat-46 translation_priority-6\"><div class=\"portfolio-entry-inner entry-inner wpex-clr\"><div class=\"portfolio-entry-media entry-media wpex-clr\"><a href=\"https:\/\/www.garciafaura.com\/wp-content\/uploads\/2019\/09\/Habitatges-IMPSOL-Sant-Boi-01.jpg\" title=\"Impsol Sant Boi\" class=\"portfolio-entry-media-link wpex-lightbox-gallery\" data-gallery=\"[{&quot;src&quot;:&quot;https:\\\/\\\/www.garciafaura.com\\\/wp-content\\\/uploads\\\/2019\\\/09\\\/Habitatges-IMPSOL-Sant-Boi-01.jpg&quot;},{&quot;src&quot;:&quot;https:\\\/\\\/www.garciafaura.com\\\/wp-content\\\/uploads\\\/2019\\\/09\\\/Habitatges-IMPSOL-Sant-Boi-12.jpg&quot;},{&quot;src&quot;:&quot;https:\\\/\\\/www.garciafaura.com\\\/wp-content\\\/uploads\\\/2019\\\/09\\\/Habitatges-IMPSOL-Sant-Boi-11.jpg&quot;},{&quot;src&quot;:&quot;https:\\\/\\\/www.garciafaura.com\\\/wp-content\\\/uploads\\\/2019\\\/09\\\/Habitatges-IMPSOL-Sant-Boi-10.jpg&quot;},{&quot;src&quot;:&quot;https:\\\/\\\/www.garciafaura.com\\\/wp-content\\\/uploads\\\/2019\\\/09\\\/Habitatges-IMPSOL-Sant-Boi-09.jpg&quot;},{&quot;src&quot;:&quot;https:\\\/\\\/www.garciafaura.com\\\/wp-content\\\/uploads\\\/2019\\\/09\\\/Habitatges-IMPSOL-Sant-Boi-08.jpg&quot;},{&quot;src&quot;:&quot;https:\\\/\\\/www.garciafaura.com\\\/wp-content\\\/uploads\\\/2019\\\/09\\\/Habitatges-IMPSOL-Sant-Boi-07.jpg&quot;},{&quot;src&quot;:&quot;https:\\\/\\\/www.garciafaura.com\\\/wp-content\\\/uploads\\\/2019\\\/09\\\/Habitatges-IMPSOL-Sant-Boi-06.jpg&quot;},{&quot;src&quot;:&quot;https:\\\/\\\/www.garciafaura.com\\\/wp-content\\\/uploads\\\/2019\\\/09\\\/Habitatges-IMPSOL-Sant-Boi-05.jpg&quot;},{&quot;src&quot;:&quot;https:\\\/\\\/www.garciafaura.com\\\/wp-content\\\/uploads\\\/2019\\\/09\\\/Habitatges-IMPSOL-Sant-Boi-04.jpg&quot;},{&quot;src&quot;:&quot;https:\\\/\\\/www.garciafaura.com\\\/wp-content\\\/uploads\\\/2019\\\/09\\\/Habitatges-IMPSOL-Sant-Boi-03.jpg&quot;},{&quot;src&quot;:&quot;https:\\\/\\\/www.garciafaura.com\\\/wp-content\\\/uploads\\\/2019\\\/09\\\/Habitatges-IMPSOL-Sant-Boi-02.jpg&quot;}]\"><img loading=\"lazy\" decoding=\"async\" data-no-lazy=\"1\" class=\"portfolio-entry-img skip-lazy\" src=\"https:\/\/www.garciafaura.com\/wp-content\/uploads\/2019\/09\/Habitatges-IMPSOL-Sant-Boi-01-600x314.jpg\" alt='' data-no-retina width=\"600\" height=\"314\" \/><\/a><\/div><div class=\"portfolio-entry-details entry-details wpex-clr\"><h2 class=\"portfolio-entry-title entry-title\"><a href=\"https:\/\/www.garciafaura.com\/es\/portfolio-item\/impsol-sant-boi\/\" title=\"Impsol Sant Boi\">Impsol Sant Boi<\/a><\/h2><div class=\"portfolio-entry-categories entry-categories wpex-clr\"><a href=\"https:\/\/www.garciafaura.com\/es\/portfolio-category\/conjuntos-residenciales\/\" class=\"term-46\">Conjuntos residenciales<\/a><\/div><\/div><\/div><\/div><div class=\"portfolio-entry vcex-grid-item entry-has-details span_1_of_3 col col-1 vcex-isotope-entry vcex-no-margin-entry post-23161 entry type-portfolio has-media cat-46 translation_priority-6\"><div class=\"portfolio-entry-inner entry-inner wpex-clr\"><div class=\"portfolio-entry-media entry-media wpex-clr\"><a href=\"https:\/\/www.garciafaura.com\/wp-content\/uploads\/2019\/09\/Promocio\u0301-Casernes-Sant-Andreu-01.jpg\" title=\"Promoci\u00f3n Cuarteles Sant Andreu\" class=\"portfolio-entry-media-link wpex-lightbox-gallery\" data-gallery=\"[{&quot;src&quot;:&quot;https:\\\/\\\/www.garciafaura.com\\\/wp-content\\\/uploads\\\/2019\\\/09\\\/Promocio\\u0301-Casernes-Sant-Andreu-01.jpg&quot;},{&quot;src&quot;:&quot;https:\\\/\\\/www.garciafaura.com\\\/wp-content\\\/uploads\\\/2019\\\/09\\\/Promocio\\u0301-Casernes-Sant-Andreu-10.jpg&quot;},{&quot;src&quot;:&quot;https:\\\/\\\/www.garciafaura.com\\\/wp-content\\\/uploads\\\/2019\\\/09\\\/Promocio\\u0301-Casernes-Sant-Andreu-09.jpg&quot;},{&quot;src&quot;:&quot;https:\\\/\\\/www.garciafaura.com\\\/wp-content\\\/uploads\\\/2019\\\/09\\\/Promocio\\u0301-Casernes-Sant-Andreu-08.jpg&quot;},{&quot;src&quot;:&quot;https:\\\/\\\/www.garciafaura.com\\\/wp-content\\\/uploads\\\/2019\\\/09\\\/Promocio\\u0301-Casernes-Sant-Andreu-07.jpg&quot;},{&quot;src&quot;:&quot;https:\\\/\\\/www.garciafaura.com\\\/wp-content\\\/uploads\\\/2019\\\/09\\\/Promocio\\u0301-Casernes-Sant-Andreu-06.jpg&quot;},{&quot;src&quot;:&quot;https:\\\/\\\/www.garciafaura.com\\\/wp-content\\\/uploads\\\/2019\\\/09\\\/Promocio\\u0301-Casernes-Sant-Andreu-05.jpg&quot;},{&quot;src&quot;:&quot;https:\\\/\\\/www.garciafaura.com\\\/wp-content\\\/uploads\\\/2019\\\/09\\\/Promocio\\u0301-Casernes-Sant-Andreu-04.jpg&quot;},{&quot;src&quot;:&quot;https:\\\/\\\/www.garciafaura.com\\\/wp-content\\\/uploads\\\/2019\\\/09\\\/Promocio\\u0301-Casernes-Sant-Andreu-03.jpg&quot;},{&quot;src&quot;:&quot;https:\\\/\\\/www.garciafaura.com\\\/wp-content\\\/uploads\\\/2019\\\/09\\\/Promocio\\u0301-Casernes-Sant-Andreu-02.jpg&quot;}]\"><img loading=\"lazy\" decoding=\"async\" data-no-lazy=\"1\" class=\"portfolio-entry-img skip-lazy\" src=\"https:\/\/www.garciafaura.com\/wp-content\/uploads\/2019\/09\/Promocio\u0301-Casernes-Sant-Andreu-01-600x314.jpg\" alt='' data-no-retina width=\"600\" height=\"314\" \/><\/a><\/div><div class=\"portfolio-entry-details entry-details wpex-clr\"><h2 class=\"portfolio-entry-title entry-title\"><a href=\"https:\/\/www.garciafaura.com\/es\/portfolio-item\/promocion-cuarteles-sant-andreu\/\" title=\"Promoci\u00f3n Cuarteles Sant Andreu\">Promoci\u00f3n Cuarteles Sant Andreu<\/a><\/h2><div class=\"portfolio-entry-categories entry-categories wpex-clr\"><a href=\"https:\/\/www.garciafaura.com\/es\/portfolio-category\/conjuntos-residenciales\/\" class=\"term-46\">Conjuntos residenciales<\/a><\/div><\/div><\/div><\/div><div class=\"portfolio-entry vcex-grid-item entry-has-details span_1_of_3 col col-2 vcex-isotope-entry vcex-no-margin-entry post-23060 entry type-portfolio has-media cat-46 translation_priority-6\"><div class=\"portfolio-entry-inner entry-inner wpex-clr\"><div class=\"portfolio-entry-media entry-media wpex-clr\"><a href=\"https:\/\/www.garciafaura.com\/wp-content\/uploads\/2019\/09\/Promocio\u0301-Solvia-Sant-Cugat-08.jpg\" title=\"Promoci\u00f3n Solvia Sant Cugat\" class=\"portfolio-entry-media-link wpex-lightbox-gallery\" data-gallery=\"[{&quot;src&quot;:&quot;https:\\\/\\\/www.garciafaura.com\\\/wp-content\\\/uploads\\\/2019\\\/09\\\/Promocio\\u0301-Solvia-Sant-Cugat-08.jpg&quot;},{&quot;src&quot;:&quot;https:\\\/\\\/www.garciafaura.com\\\/wp-content\\\/uploads\\\/2019\\\/09\\\/Promocio\\u0301-Solvia-Sant-Cugat-01.jpg&quot;},{&quot;src&quot;:&quot;https:\\\/\\\/www.garciafaura.com\\\/wp-content\\\/uploads\\\/2019\\\/09\\\/Promocio\\u0301-Solvia-Sant-Cugat-12.jpg&quot;},{&quot;src&quot;:&quot;https:\\\/\\\/www.garciafaura.com\\\/wp-content\\\/uploads\\\/2019\\\/09\\\/Promocio\\u0301-Solvia-Sant-Cugat-11.jpg&quot;},{&quot;src&quot;:&quot;https:\\\/\\\/www.garciafaura.com\\\/wp-content\\\/uploads\\\/2019\\\/09\\\/Promocio\\u0301-Solvia-Sant-Cugat-10.jpg&quot;},{&quot;src&quot;:&quot;https:\\\/\\\/www.garciafaura.com\\\/wp-content\\\/uploads\\\/2019\\\/09\\\/Promocio\\u0301-Solvia-Sant-Cugat-09.jpg&quot;},{&quot;src&quot;:&quot;https:\\\/\\\/www.garciafaura.com\\\/wp-content\\\/uploads\\\/2019\\\/09\\\/Promocio\\u0301-Solvia-Sant-Cugat-07.jpg&quot;},{&quot;src&quot;:&quot;https:\\\/\\\/www.garciafaura.com\\\/wp-content\\\/uploads\\\/2019\\\/09\\\/Promocio\\u0301-Solvia-Sant-Cugat-06.jpg&quot;},{&quot;src&quot;:&quot;https:\\\/\\\/www.garciafaura.com\\\/wp-content\\\/uploads\\\/2019\\\/09\\\/Promocio\\u0301-Solvia-Sant-Cugat-05.jpg&quot;},{&quot;src&quot;:&quot;https:\\\/\\\/www.garciafaura.com\\\/wp-content\\\/uploads\\\/2019\\\/09\\\/Promocio\\u0301-Solvia-Sant-Cugat-04.jpg&quot;},{&quot;src&quot;:&quot;https:\\\/\\\/www.garciafaura.com\\\/wp-content\\\/uploads\\\/2019\\\/09\\\/Promocio\\u0301-Solvia-Sant-Cugat-03.jpg&quot;},{&quot;src&quot;:&quot;https:\\\/\\\/www.garciafaura.com\\\/wp-content\\\/uploads\\\/2019\\\/09\\\/Promocio\\u0301-Solvia-Sant-Cugat-02.jpg&quot;}]\"><img loading=\"lazy\" decoding=\"async\" data-no-lazy=\"1\" class=\"portfolio-entry-img skip-lazy\" src=\"https:\/\/www.garciafaura.com\/wp-content\/uploads\/2019\/09\/Promocio\u0301-Solvia-Sant-Cugat-08-600x314.jpg\" alt='' data-no-retina width=\"600\" height=\"314\" \/><\/a><\/div><div class=\"portfolio-entry-details entry-details wpex-clr\"><h2 class=\"portfolio-entry-title entry-title\"><a href=\"https:\/\/www.garciafaura.com\/es\/portfolio-item\/promocion-crecca-volpelleres\/\" title=\"Promoci\u00f3n Solvia Sant Cugat\">Promoci\u00f3n Solvia Sant Cugat<\/a><\/h2><div class=\"portfolio-entry-categories entry-categories wpex-clr\"><a href=\"https:\/\/www.garciafaura.com\/es\/portfolio-category\/conjuntos-residenciales\/\" class=\"term-46\">Conjuntos residenciales<\/a><\/div><\/div><\/div><\/div><div class=\"portfolio-entry vcex-grid-item entry-has-details span_1_of_3 col col-3 vcex-isotope-entry vcex-no-margin-entry post-23032 entry type-portfolio has-media cat-46 translation_priority-6\"><div class=\"portfolio-entry-inner entry-inner wpex-clr\"><div class=\"portfolio-entry-media entry-media wpex-clr\"><a href=\"https:\/\/www.garciafaura.com\/wp-content\/uploads\/2019\/09\/Promocio\u0301-Marina-Park-01.jpg\" title=\"Promoci\u00f3n Marina Park\" class=\"portfolio-entry-media-link wpex-lightbox-gallery\" data-gallery=\"[{&quot;src&quot;:&quot;https:\\\/\\\/www.garciafaura.com\\\/wp-content\\\/uploads\\\/2019\\\/09\\\/Promocio\\u0301-Marina-Park-01.jpg&quot;},{&quot;src&quot;:&quot;https:\\\/\\\/www.garciafaura.com\\\/wp-content\\\/uploads\\\/2019\\\/09\\\/Promocio\\u0301-Marina-Park-23.jpg&quot;},{&quot;src&quot;:&quot;https:\\\/\\\/www.garciafaura.com\\\/wp-content\\\/uploads\\\/2019\\\/09\\\/Promocio\\u0301-Marina-Park-22.jpg&quot;},{&quot;src&quot;:&quot;https:\\\/\\\/www.garciafaura.com\\\/wp-content\\\/uploads\\\/2019\\\/09\\\/Promocio\\u0301-Marina-Park-21.jpg&quot;},{&quot;src&quot;:&quot;https:\\\/\\\/www.garciafaura.com\\\/wp-content\\\/uploads\\\/2019\\\/09\\\/Promocio\\u0301-Marina-Park-20.jpg&quot;},{&quot;src&quot;:&quot;https:\\\/\\\/www.garciafaura.com\\\/wp-content\\\/uploads\\\/2019\\\/09\\\/Promocio\\u0301-Marina-Park-19.jpg&quot;},{&quot;src&quot;:&quot;https:\\\/\\\/www.garciafaura.com\\\/wp-content\\\/uploads\\\/2019\\\/09\\\/Promocio\\u0301-Marina-Park-18.jpg&quot;},{&quot;src&quot;:&quot;https:\\\/\\\/www.garciafaura.com\\\/wp-content\\\/uploads\\\/2019\\\/09\\\/Promocio\\u0301-Marina-Park-17.jpg&quot;},{&quot;src&quot;:&quot;https:\\\/\\\/www.garciafaura.com\\\/wp-content\\\/uploads\\\/2019\\\/09\\\/Promocio\\u0301-Marina-Park-16.jpg&quot;},{&quot;src&quot;:&quot;https:\\\/\\\/www.garciafaura.com\\\/wp-content\\\/uploads\\\/2019\\\/09\\\/Promocio\\u0301-Marina-Park-15.jpg&quot;},{&quot;src&quot;:&quot;https:\\\/\\\/www.garciafaura.com\\\/wp-content\\\/uploads\\\/2019\\\/09\\\/Promocio\\u0301-Marina-Park-14.jpg&quot;},{&quot;src&quot;:&quot;https:\\\/\\\/www.garciafaura.com\\\/wp-content\\\/uploads\\\/2019\\\/09\\\/Promocio\\u0301-Marina-Park-13.jpg&quot;},{&quot;src&quot;:&quot;https:\\\/\\\/www.garciafaura.com\\\/wp-content\\\/uploads\\\/2019\\\/09\\\/Promocio\\u0301-Marina-Park-12.jpg&quot;},{&quot;src&quot;:&quot;https:\\\/\\\/www.garciafaura.com\\\/wp-content\\\/uploads\\\/2019\\\/09\\\/Promocio\\u0301-Marina-Park-11.jpg&quot;},{&quot;src&quot;:&quot;https:\\\/\\\/www.garciafaura.com\\\/wp-content\\\/uploads\\\/2019\\\/09\\\/Promocio\\u0301-Marina-Park-10.jpg&quot;},{&quot;src&quot;:&quot;https:\\\/\\\/www.garciafaura.com\\\/wp-content\\\/uploads\\\/2019\\\/09\\\/Promocio\\u0301-Marina-Park-09.jpg&quot;},{&quot;src&quot;:&quot;https:\\\/\\\/www.garciafaura.com\\\/wp-content\\\/uploads\\\/2019\\\/09\\\/Promocio\\u0301-Marina-Park-08.jpg&quot;},{&quot;src&quot;:&quot;https:\\\/\\\/www.garciafaura.com\\\/wp-content\\\/uploads\\\/2019\\\/09\\\/Promocio\\u0301-Marina-Park-07.jpg&quot;},{&quot;src&quot;:&quot;https:\\\/\\\/www.garciafaura.com\\\/wp-content\\\/uploads\\\/2019\\\/09\\\/Promocio\\u0301-Marina-Park-06.jpg&quot;},{&quot;src&quot;:&quot;https:\\\/\\\/www.garciafaura.com\\\/wp-content\\\/uploads\\\/2019\\\/09\\\/Promocio\\u0301-Marina-Park-05.jpg&quot;},{&quot;src&quot;:&quot;https:\\\/\\\/www.garciafaura.com\\\/wp-content\\\/uploads\\\/2019\\\/09\\\/Promocio\\u0301-Marina-Park-04.jpg&quot;},{&quot;src&quot;:&quot;https:\\\/\\\/www.garciafaura.com\\\/wp-content\\\/uploads\\\/2019\\\/09\\\/Promocio\\u0301-Marina-Park-03.jpg&quot;},{&quot;src&quot;:&quot;https:\\\/\\\/www.garciafaura.com\\\/wp-content\\\/uploads\\\/2019\\\/09\\\/Promocio\\u0301-Marina-Park-02.jpg&quot;}]\"><img loading=\"lazy\" decoding=\"async\" data-no-lazy=\"1\" class=\"portfolio-entry-img skip-lazy\" src=\"https:\/\/www.garciafaura.com\/wp-content\/uploads\/2019\/09\/Promocio\u0301-Marina-Park-01-600x314.jpg\" alt='' data-no-retina width=\"600\" height=\"314\" \/><\/a><\/div><div class=\"portfolio-entry-details entry-details wpex-clr\"><h2 class=\"portfolio-entry-title entry-title\"><a href=\"https:\/\/www.garciafaura.com\/es\/portfolio-item\/fase-marina-park\/\" title=\"Promoci\u00f3n Marina Park\">Promoci\u00f3n Marina Park<\/a><\/h2><div class=\"portfolio-entry-categories entry-categories wpex-clr\"><a href=\"https:\/\/www.garciafaura.com\/es\/portfolio-category\/conjuntos-residenciales\/\" class=\"term-46\">Conjuntos residenciales<\/a><\/div><\/div><\/div><\/div><div class=\"portfolio-entry vcex-grid-item entry-has-details span_1_of_3 col col-1 vcex-isotope-entry vcex-no-margin-entry post-22916 entry type-portfolio has-media cat-46 translation_priority-6\"><div class=\"portfolio-entry-inner entry-inner wpex-clr\"><div class=\"portfolio-entry-media entry-media wpex-clr\"><a href=\"https:\/\/www.garciafaura.com\/wp-content\/uploads\/2019\/09\/Promocio-Irla-Sitges-02.jpg\" title=\"Promoci\u00f3n Irla Sitges\" class=\"portfolio-entry-media-link wpex-lightbox-gallery\" data-gallery=\"[{&quot;src&quot;:&quot;https:\\\/\\\/www.garciafaura.com\\\/wp-content\\\/uploads\\\/2019\\\/09\\\/Promocio-Irla-Sitges-01.jpg&quot;,&quot;title&quot;:&quot;Cerramientos de aluminio y vidrio para conjunto de apartamentos de nueva construcci\\u00f3n en Sitges&quot;},{&quot;src&quot;:&quot;https:\\\/\\\/www.garciafaura.com\\\/wp-content\\\/uploads\\\/2019\\\/09\\\/Promocio-Irla-Sitges-10.jpg&quot;,&quot;title&quot;:&quot;Cerramientos de aluminio y vidrio para conjunto de apartamentos de nueva construcci\\u00f3n en Sitges&quot;},{&quot;src&quot;:&quot;https:\\\/\\\/www.garciafaura.com\\\/wp-content\\\/uploads\\\/2019\\\/09\\\/Promocio-Irla-Sitges-09.jpg&quot;,&quot;title&quot;:&quot;Cerramientos de aluminio y vidrio para conjunto de apartamentos de nueva construcci\\u00f3n en Sitges&quot;},{&quot;src&quot;:&quot;https:\\\/\\\/www.garciafaura.com\\\/wp-content\\\/uploads\\\/2019\\\/09\\\/Promocio-Irla-Sitges-08.jpg&quot;,&quot;title&quot;:&quot;Cerramientos de aluminio y vidrio para conjunto de apartamentos de nueva construcci\\u00f3n en Sitges&quot;},{&quot;src&quot;:&quot;https:\\\/\\\/www.garciafaura.com\\\/wp-content\\\/uploads\\\/2019\\\/09\\\/Promocio-Irla-Sitges-07.jpg&quot;,&quot;title&quot;:&quot;Cerramientos de aluminio y vidrio para conjunto de apartamentos de nueva construcci\\u00f3n en Sitges&quot;},{&quot;src&quot;:&quot;https:\\\/\\\/www.garciafaura.com\\\/wp-content\\\/uploads\\\/2019\\\/09\\\/Promocio-Irla-Sitges-06.jpg&quot;,&quot;title&quot;:&quot;Cerramientos de aluminio y vidrio para conjunto de apartamentos de nueva construcci\\u00f3n en Sitges&quot;},{&quot;src&quot;:&quot;https:\\\/\\\/www.garciafaura.com\\\/wp-content\\\/uploads\\\/2019\\\/09\\\/Promocio-Irla-Sitges-05.jpg&quot;,&quot;title&quot;:&quot;Cerramientos de aluminio y vidrio para conjunto de apartamentos de nueva construcci\\u00f3n en Sitges&quot;},{&quot;src&quot;:&quot;https:\\\/\\\/www.garciafaura.com\\\/wp-content\\\/uploads\\\/2019\\\/09\\\/Promocio-Irla-Sitges-04.jpg&quot;,&quot;title&quot;:&quot;Cerramientos de aluminio y vidrio para conjunto de apartamentos de nueva construcci\\u00f3n en Sitges&quot;},{&quot;src&quot;:&quot;https:\\\/\\\/www.garciafaura.com\\\/wp-content\\\/uploads\\\/2019\\\/09\\\/Promocio-Irla-Sitges-03.jpg&quot;,&quot;title&quot;:&quot;Cerramientos de aluminio y vidrio para conjunto de apartamentos de nueva construcci\\u00f3n en Sitges&quot;},{&quot;src&quot;:&quot;https:\\\/\\\/www.garciafaura.com\\\/wp-content\\\/uploads\\\/2019\\\/09\\\/Promocio-Irla-Sitges-02.jpg&quot;,&quot;title&quot;:&quot;Cerramientos de aluminio y vidrio para conjunto de apartamentos de nueva construcci\\u00f3n en Sitges&quot;}]\"><img loading=\"lazy\" decoding=\"async\" data-no-lazy=\"1\" class=\"portfolio-entry-img skip-lazy\" src=\"https:\/\/www.garciafaura.com\/wp-content\/uploads\/2019\/09\/Promocio-Irla-Sitges-02-600x314.jpg\" alt=\"Cerramientos De Aluminio Y Vidrio Para Conjunto De Apartamentos De Nueva Construcci\u00f3n En Sitges\" data-no-retina width=\"600\" height=\"314\" \/><\/a><\/div><div class=\"portfolio-entry-details entry-details wpex-clr\"><h2 class=\"portfolio-entry-title entry-title\"><a href=\"https:\/\/www.garciafaura.com\/es\/portfolio-item\/promocion-irla-sitges\/\" title=\"Promoci\u00f3n Irla Sitges\">Promoci\u00f3n Irla Sitges<\/a><\/h2><div class=\"portfolio-entry-categories entry-categories wpex-clr\"><a href=\"https:\/\/www.garciafaura.com\/es\/portfolio-category\/conjuntos-residenciales\/\" class=\"term-46\">Conjuntos residenciales<\/a><\/div><\/div><\/div><\/div><div class=\"portfolio-entry vcex-grid-item entry-has-details span_1_of_3 col col-2 vcex-isotope-entry vcex-no-margin-entry post-23047 entry type-portfolio has-media cat-46 translation_priority-6\"><div class=\"portfolio-entry-inner entry-inner wpex-clr\"><div class=\"portfolio-entry-media entry-media wpex-clr\"><a href=\"https:\/\/www.garciafaura.com\/wp-content\/uploads\/2021\/08\/Promocio\u0301-Eolo-Sabadell-01.jpg\" title=\"Promoci\u00f3n Eolo Sabadell\" class=\"portfolio-entry-media-link wpex-lightbox-gallery\" data-gallery=\"[{&quot;src&quot;:&quot;https:\\\/\\\/www.garciafaura.com\\\/wp-content\\\/uploads\\\/2021\\\/08\\\/Promocio\\u0301-Eolo-Sabadell-01.jpg&quot;,&quot;title&quot;:&quot;Garcia Faura Eolo Sabadell&quot;},{&quot;src&quot;:&quot;https:\\\/\\\/www.garciafaura.com\\\/wp-content\\\/uploads\\\/2021\\\/08\\\/Promocio\\u0301-Eolo-Sabadell-13.jpg&quot;,&quot;title&quot;:&quot;Garcia Faura Eolo Sabadell&quot;},{&quot;src&quot;:&quot;https:\\\/\\\/www.garciafaura.com\\\/wp-content\\\/uploads\\\/2021\\\/08\\\/Promocio\\u0301-Eolo-Sabadell-12.jpg&quot;,&quot;title&quot;:&quot;Garcia Faura Eolo Sabadell&quot;},{&quot;src&quot;:&quot;https:\\\/\\\/www.garciafaura.com\\\/wp-content\\\/uploads\\\/2021\\\/08\\\/Promocio\\u0301-Eolo-Sabadell-11.jpg&quot;,&quot;title&quot;:&quot;Garcia Faura Eolo Sabadell&quot;},{&quot;src&quot;:&quot;https:\\\/\\\/www.garciafaura.com\\\/wp-content\\\/uploads\\\/2021\\\/08\\\/Promocio\\u0301-Eolo-Sabadell-10.jpg&quot;,&quot;title&quot;:&quot;Garcia Faura Eolo Sabadell&quot;},{&quot;src&quot;:&quot;https:\\\/\\\/www.garciafaura.com\\\/wp-content\\\/uploads\\\/2021\\\/08\\\/Promocio\\u0301-Eolo-Sabadell-09.jpg&quot;,&quot;title&quot;:&quot;Garcia Faura Eolo Sabadell&quot;},{&quot;src&quot;:&quot;https:\\\/\\\/www.garciafaura.com\\\/wp-content\\\/uploads\\\/2021\\\/08\\\/Promocio\\u0301-Eolo-Sabadell-08.jpg&quot;,&quot;title&quot;:&quot;Garcia Faura Eolo Sabadell&quot;},{&quot;src&quot;:&quot;https:\\\/\\\/www.garciafaura.com\\\/wp-content\\\/uploads\\\/2021\\\/08\\\/Promocio\\u0301-Eolo-Sabadell-07.jpg&quot;,&quot;title&quot;:&quot;Garcia Faura Eolo Sabadell&quot;},{&quot;src&quot;:&quot;https:\\\/\\\/www.garciafaura.com\\\/wp-content\\\/uploads\\\/2021\\\/08\\\/Promocio\\u0301-Eolo-Sabadell-06.jpg&quot;,&quot;title&quot;:&quot;Garcia Faura Eolo Sabadell&quot;},{&quot;src&quot;:&quot;https:\\\/\\\/www.garciafaura.com\\\/wp-content\\\/uploads\\\/2021\\\/08\\\/Promocio\\u0301-Eolo-Sabadell-05.jpg&quot;,&quot;title&quot;:&quot;Garcia Faura Eolo Sabadell&quot;},{&quot;src&quot;:&quot;https:\\\/\\\/www.garciafaura.com\\\/wp-content\\\/uploads\\\/2021\\\/08\\\/Promocio\\u0301-Eolo-Sabadell-04.jpg&quot;,&quot;title&quot;:&quot;Garcia Faura Eolo Sabadell&quot;},{&quot;src&quot;:&quot;https:\\\/\\\/www.garciafaura.com\\\/wp-content\\\/uploads\\\/2021\\\/08\\\/Promocio\\u0301-Eolo-Sabadell-03.jpg&quot;,&quot;title&quot;:&quot;Garcia Faura Eolo Sabadell&quot;},{&quot;src&quot;:&quot;https:\\\/\\\/www.garciafaura.com\\\/wp-content\\\/uploads\\\/2021\\\/08\\\/Promocio\\u0301-Eolo-Sabadell-02.jpg&quot;,&quot;title&quot;:&quot;Garcia Faura Eolo Sabadell&quot;}]\"><img loading=\"lazy\" decoding=\"async\" data-no-lazy=\"1\" class=\"portfolio-entry-img skip-lazy\" src=\"https:\/\/www.garciafaura.com\/wp-content\/uploads\/2021\/08\/Promocio\u0301-Eolo-Sabadell-01-600x314.jpg\" alt=\"Garcia Faura Eolo Sabadell\" data-no-retina width=\"600\" height=\"314\" \/><\/a><\/div><div class=\"portfolio-entry-details entry-details wpex-clr\"><h2 class=\"portfolio-entry-title entry-title\"><a href=\"https:\/\/www.garciafaura.com\/es\/portfolio-item\/promocion-eolo-sabadell\/\" title=\"Promoci\u00f3n Eolo Sabadell\">Promoci\u00f3n Eolo Sabadell<\/a><\/h2><div class=\"portfolio-entry-categories entry-categories wpex-clr\"><a href=\"https:\/\/www.garciafaura.com\/es\/portfolio-category\/conjuntos-residenciales\/\" class=\"term-46\">Conjuntos residenciales<\/a><\/div><\/div><\/div><\/div><div class=\"portfolio-entry vcex-grid-item entry-has-details span_1_of_3 col col-3 vcex-isotope-entry vcex-no-margin-entry post-22702 entry type-portfolio has-media cat-46 translation_priority-6\"><div class=\"portfolio-entry-inner entry-inner wpex-clr\"><div class=\"portfolio-entry-media entry-media wpex-clr\"><a href=\"https:\/\/www.garciafaura.com\/wp-content\/uploads\/2019\/07\/Promocio\u0301-Mago\u0300ria-02.jpg\" title=\"Promoci\u00f3n Mag\u00f2ria\" class=\"portfolio-entry-media-link wpex-lightbox-gallery\" data-gallery=\"[{&quot;src&quot;:&quot;https:\\\/\\\/www.garciafaura.com\\\/wp-content\\\/uploads\\\/2019\\\/07\\\/Promocio\\u0301-Mago\\u0300ria-01.jpg&quot;,&quot;title&quot;:&quot;Desarrollo de chapas para fachada, cerramientos de aluminio y vidrio en edificio residencial en Barcelona&quot;},{&quot;src&quot;:&quot;https:\\\/\\\/www.garciafaura.com\\\/wp-content\\\/uploads\\\/2019\\\/07\\\/Promocio\\u0301-Mago\\u0300ria-08.jpg&quot;,&quot;title&quot;:&quot;Desarrollo de chapas para fachada, cerramientos de aluminio y vidrio en edificio residencial en Barcelona&quot;},{&quot;src&quot;:&quot;https:\\\/\\\/www.garciafaura.com\\\/wp-content\\\/uploads\\\/2019\\\/07\\\/Promocio\\u0301-Mago\\u0300ria-07.jpg&quot;,&quot;title&quot;:&quot;Desarrollo de chapas para fachada, cerramientos de aluminio y vidrio en edificio residencial en Barcelona&quot;},{&quot;src&quot;:&quot;https:\\\/\\\/www.garciafaura.com\\\/wp-content\\\/uploads\\\/2019\\\/07\\\/Promocio\\u0301-Mago\\u0300ria-06.jpg&quot;,&quot;title&quot;:&quot;Desarrollo de chapas para fachada, cerramientos de aluminio y vidrio en edificio residencial en Barcelona&quot;},{&quot;src&quot;:&quot;https:\\\/\\\/www.garciafaura.com\\\/wp-content\\\/uploads\\\/2019\\\/07\\\/Promocio\\u0301-Mago\\u0300ria-05.jpg&quot;,&quot;title&quot;:&quot;Desarrollo de chapas para fachada, cerramientos de aluminio y vidrio en edificio residencial en Barcelona&quot;},{&quot;src&quot;:&quot;https:\\\/\\\/www.garciafaura.com\\\/wp-content\\\/uploads\\\/2019\\\/07\\\/Promocio\\u0301-Mago\\u0300ria-04.jpg&quot;,&quot;title&quot;:&quot;Desarrollo de chapas para fachada, cerramientos de aluminio y vidrio en edificio residencial en Barcelona&quot;},{&quot;src&quot;:&quot;https:\\\/\\\/www.garciafaura.com\\\/wp-content\\\/uploads\\\/2019\\\/07\\\/Promocio\\u0301-Mago\\u0300ria-03.jpg&quot;,&quot;title&quot;:&quot;Desarrollo de chapas para fachada, cerramientos de aluminio y vidrio en edificio residencial en Barcelona&quot;},{&quot;src&quot;:&quot;https:\\\/\\\/www.garciafaura.com\\\/wp-content\\\/uploads\\\/2019\\\/07\\\/Promocio\\u0301-Mago\\u0300ria-02.jpg&quot;,&quot;title&quot;:&quot;Desarrollo de chapas para fachada, cerramientos de aluminio y vidrio en edificio residencial en Barcelona&quot;}]\"><img loading=\"lazy\" decoding=\"async\" data-no-lazy=\"1\" class=\"portfolio-entry-img skip-lazy\" src=\"https:\/\/www.garciafaura.com\/wp-content\/uploads\/2019\/07\/Promocio\u0301-Mago\u0300ria-02-600x314.jpg\" alt=\"Desarrollo De Chapas Para Fachada, Cerramientos De Aluminio Y Vidrio En Edificio Residencial En Barcelona\" data-no-retina width=\"600\" height=\"314\" \/><\/a><\/div><div class=\"portfolio-entry-details entry-details wpex-clr\"><h2 class=\"portfolio-entry-title entry-title\"><a href=\"https:\/\/www.garciafaura.com\/es\/portfolio-item\/promocion-magoria\/\" title=\"Promoci\u00f3n Mag\u00f2ria\">Promoci\u00f3n Mag\u00f2ria<\/a><\/h2><div class=\"portfolio-entry-categories entry-categories wpex-clr\"><a href=\"https:\/\/www.garciafaura.com\/es\/portfolio-category\/conjuntos-residenciales\/\" class=\"term-46\">Conjuntos residenciales<\/a><\/div><\/div><\/div><\/div><div class=\"portfolio-entry vcex-grid-item entry-has-details span_1_of_3 col col-1 vcex-isotope-entry vcex-no-margin-entry post-22625 entry type-portfolio has-media cat-46 translation_priority-6\"><div class=\"portfolio-entry-inner entry-inner wpex-clr\"><div class=\"portfolio-entry-media entry-media wpex-clr\"><a href=\"https:\/\/www.garciafaura.com\/wp-content\/uploads\/2019\/07\/12928-01.jpg\" title=\"Promoci\u00f3n Granollers\" class=\"portfolio-entry-media-link wpex-lightbox-gallery\" data-gallery=\"[{&quot;src&quot;:&quot;https:\\\/\\\/www.garciafaura.com\\\/wp-content\\\/uploads\\\/2019\\\/07\\\/12928-01.jpg&quot;,&quot;title&quot;:&quot;Cerramientos para edificio residencial en Granollers&quot;},{&quot;src&quot;:&quot;https:\\\/\\\/www.garciafaura.com\\\/wp-content\\\/uploads\\\/2019\\\/07\\\/12928-12.jpg&quot;,&quot;title&quot;:&quot;Cerramientos para edificio residencial en Granollers&quot;},{&quot;src&quot;:&quot;https:\\\/\\\/www.garciafaura.com\\\/wp-content\\\/uploads\\\/2019\\\/07\\\/12928-11.jpg&quot;,&quot;title&quot;:&quot;Cerramientos para edificio residencial en Granollers&quot;},{&quot;src&quot;:&quot;https:\\\/\\\/www.garciafaura.com\\\/wp-content\\\/uploads\\\/2019\\\/07\\\/12928-10.jpg&quot;,&quot;title&quot;:&quot;Cerramientos para edificio residencial en Granollers&quot;},{&quot;src&quot;:&quot;https:\\\/\\\/www.garciafaura.com\\\/wp-content\\\/uploads\\\/2019\\\/07\\\/12928-09.jpg&quot;,&quot;title&quot;:&quot;Cerramientos para edificio residencial en Granollers&quot;},{&quot;src&quot;:&quot;https:\\\/\\\/www.garciafaura.com\\\/wp-content\\\/uploads\\\/2019\\\/07\\\/12928-07.jpg&quot;,&quot;title&quot;:&quot;Cerramientos para edificio residencial en Granollers&quot;},{&quot;src&quot;:&quot;https:\\\/\\\/www.garciafaura.com\\\/wp-content\\\/uploads\\\/2019\\\/07\\\/12928-06.jpg&quot;,&quot;title&quot;:&quot;Cerramientos para edificio residencial en Granollers&quot;},{&quot;src&quot;:&quot;https:\\\/\\\/www.garciafaura.com\\\/wp-content\\\/uploads\\\/2019\\\/07\\\/12928-05.jpg&quot;,&quot;title&quot;:&quot;Cerramientos para edificio residencial en Granollers&quot;},{&quot;src&quot;:&quot;https:\\\/\\\/www.garciafaura.com\\\/wp-content\\\/uploads\\\/2019\\\/07\\\/12928-04.jpg&quot;,&quot;title&quot;:&quot;Cerramientos para edificio residencial en Granollers&quot;},{&quot;src&quot;:&quot;https:\\\/\\\/www.garciafaura.com\\\/wp-content\\\/uploads\\\/2019\\\/07\\\/12928-03.jpg&quot;,&quot;title&quot;:&quot;Cerramientos para edificio residencial en Granollers&quot;},{&quot;src&quot;:&quot;https:\\\/\\\/www.garciafaura.com\\\/wp-content\\\/uploads\\\/2019\\\/07\\\/12928-02.jpg&quot;,&quot;title&quot;:&quot;Cerramientos para edificio residencial en Granollers&quot;}]\"><img loading=\"lazy\" decoding=\"async\" data-no-lazy=\"1\" class=\"portfolio-entry-img skip-lazy\" src=\"https:\/\/www.garciafaura.com\/wp-content\/uploads\/2019\/07\/12928-01-600x314.jpg\" alt=\"Cerramientos Para Edificio Residencial En Granollers\" data-no-retina width=\"600\" height=\"314\" \/><\/a><\/div><div class=\"portfolio-entry-details entry-details wpex-clr\"><h2 class=\"portfolio-entry-title entry-title\"><a href=\"https:\/\/www.garciafaura.com\/es\/portfolio-item\/promocion-granollers\/\" title=\"Promoci\u00f3n Granollers\">Promoci\u00f3n Granollers<\/a><\/h2><div class=\"portfolio-entry-categories entry-categories wpex-clr\"><a href=\"https:\/\/www.garciafaura.com\/es\/portfolio-category\/conjuntos-residenciales\/\" class=\"term-46\">Conjuntos residenciales<\/a><\/div><\/div><\/div><\/div><div class=\"portfolio-entry vcex-grid-item entry-has-details span_1_of_3 col col-2 vcex-isotope-entry vcex-no-margin-entry post-22535 entry type-portfolio has-media cat-46 translation_priority-6\"><div class=\"portfolio-entry-inner entry-inner wpex-clr\"><div class=\"portfolio-entry-media entry-media wpex-clr\"><a href=\"https:\/\/www.garciafaura.com\/wp-content\/uploads\/2019\/07\/PROMOCIO-SANT-BOI-GAIA\u0300-01.jpg\" title=\"Promoci\u00f3n Sant Boi Park II\" class=\"portfolio-entry-media-link wpex-lightbox-gallery\" data-gallery=\"[{&quot;src&quot;:&quot;https:\\\/\\\/www.garciafaura.com\\\/wp-content\\\/uploads\\\/2019\\\/07\\\/PROMOCIO-SANT-BOI-GAIA\\u0300-01.jpg&quot;},{&quot;src&quot;:&quot;https:\\\/\\\/www.garciafaura.com\\\/wp-content\\\/uploads\\\/2019\\\/07\\\/PROMOCIO-SANT-BOI-GAIA\\u0300-19.jpg&quot;},{&quot;src&quot;:&quot;https:\\\/\\\/www.garciafaura.com\\\/wp-content\\\/uploads\\\/2019\\\/07\\\/PROMOCIO-SANT-BOI-GAIA\\u0300-18.jpg&quot;},{&quot;src&quot;:&quot;https:\\\/\\\/www.garciafaura.com\\\/wp-content\\\/uploads\\\/2019\\\/07\\\/PROMOCIO-SANT-BOI-GAIA\\u0300-17.jpg&quot;},{&quot;src&quot;:&quot;https:\\\/\\\/www.garciafaura.com\\\/wp-content\\\/uploads\\\/2019\\\/07\\\/PROMOCIO-SANT-BOI-GAIA\\u0300-16.jpg&quot;},{&quot;src&quot;:&quot;https:\\\/\\\/www.garciafaura.com\\\/wp-content\\\/uploads\\\/2019\\\/07\\\/PROMOCIO-SANT-BOI-GAIA\\u0300-15.jpg&quot;},{&quot;src&quot;:&quot;https:\\\/\\\/www.garciafaura.com\\\/wp-content\\\/uploads\\\/2019\\\/07\\\/PROMOCIO-SANT-BOI-GAIA\\u0300-14.jpg&quot;},{&quot;src&quot;:&quot;https:\\\/\\\/www.garciafaura.com\\\/wp-content\\\/uploads\\\/2019\\\/07\\\/PROMOCIO-SANT-BOI-GAIA\\u0300-13.jpg&quot;},{&quot;src&quot;:&quot;https:\\\/\\\/www.garciafaura.com\\\/wp-content\\\/uploads\\\/2019\\\/07\\\/PROMOCIO-SANT-BOI-GAIA\\u0300-12.jpg&quot;},{&quot;src&quot;:&quot;https:\\\/\\\/www.garciafaura.com\\\/wp-content\\\/uploads\\\/2019\\\/07\\\/PROMOCIO-SANT-BOI-GAIA\\u0300-11.jpg&quot;},{&quot;src&quot;:&quot;https:\\\/\\\/www.garciafaura.com\\\/wp-content\\\/uploads\\\/2019\\\/07\\\/PROMOCIO-SANT-BOI-GAIA\\u0300-10.jpg&quot;},{&quot;src&quot;:&quot;https:\\\/\\\/www.garciafaura.com\\\/wp-content\\\/uploads\\\/2019\\\/07\\\/PROMOCIO-SANT-BOI-GAIA\\u0300-09.jpg&quot;},{&quot;src&quot;:&quot;https:\\\/\\\/www.garciafaura.com\\\/wp-content\\\/uploads\\\/2019\\\/07\\\/PROMOCIO-SANT-BOI-GAIA\\u0300-08.jpg&quot;},{&quot;src&quot;:&quot;https:\\\/\\\/www.garciafaura.com\\\/wp-content\\\/uploads\\\/2019\\\/07\\\/PROMOCIO-SANT-BOI-GAIA\\u0300-07.jpg&quot;},{&quot;src&quot;:&quot;https:\\\/\\\/www.garciafaura.com\\\/wp-content\\\/uploads\\\/2019\\\/07\\\/PROMOCIO-SANT-BOI-GAIA\\u0300-06.jpg&quot;},{&quot;src&quot;:&quot;https:\\\/\\\/www.garciafaura.com\\\/wp-content\\\/uploads\\\/2019\\\/07\\\/PROMOCIO-SANT-BOI-GAIA\\u0300-05.jpg&quot;},{&quot;src&quot;:&quot;https:\\\/\\\/www.garciafaura.com\\\/wp-content\\\/uploads\\\/2019\\\/07\\\/PROMOCIO-SANT-BOI-GAIA\\u0300-04.jpg&quot;},{&quot;src&quot;:&quot;https:\\\/\\\/www.garciafaura.com\\\/wp-content\\\/uploads\\\/2019\\\/07\\\/PROMOCIO-SANT-BOI-GAIA\\u0300-03.jpg&quot;},{&quot;src&quot;:&quot;https:\\\/\\\/www.garciafaura.com\\\/wp-content\\\/uploads\\\/2019\\\/07\\\/PROMOCIO-SANT-BOI-GAIA\\u0300-02.jpg&quot;}]\"><img loading=\"lazy\" decoding=\"async\" data-no-lazy=\"1\" class=\"portfolio-entry-img skip-lazy\" src=\"https:\/\/www.garciafaura.com\/wp-content\/uploads\/2019\/07\/PROMOCIO-SANT-BOI-GAIA\u0300-01-600x314.jpg\" alt='' data-no-retina width=\"600\" height=\"314\" \/><\/a><\/div><div class=\"portfolio-entry-details entry-details wpex-clr\"><h2 class=\"portfolio-entry-title entry-title\"><a href=\"https:\/\/www.garciafaura.com\/es\/portfolio-item\/promocion-sant-boi-park-ii\/\" title=\"Promoci\u00f3n Sant Boi Park II\">Promoci\u00f3n Sant Boi Park II<\/a><\/h2><div class=\"portfolio-entry-categories entry-categories wpex-clr\"><a href=\"https:\/\/www.garciafaura.com\/es\/portfolio-category\/conjuntos-residenciales\/\" class=\"term-46\">Conjuntos residenciales<\/a><\/div><\/div><\/div><\/div><div class=\"portfolio-entry vcex-grid-item entry-has-details span_1_of_3 col col-3 vcex-isotope-entry vcex-no-margin-entry post-22407 entry type-portfolio has-media cat-46 translation_priority-6\"><div class=\"portfolio-entry-inner entry-inner wpex-clr\"><div class=\"portfolio-entry-media entry-media wpex-clr\"><a href=\"https:\/\/www.garciafaura.com\/wp-content\/uploads\/2019\/06\/12617-01.jpg\" title=\"Promociones Ronda Sant Ramon\" class=\"portfolio-entry-media-link wpex-lightbox-gallery\" data-gallery=\"[{&quot;src&quot;:&quot;https:\\\/\\\/www.garciafaura.com\\\/wp-content\\\/uploads\\\/2019\\\/06\\\/12617-01.jpg&quot;,&quot;title&quot;:&quot;Cerramientos de aluminio y vidrio en conjunto de promociones en Sant Boi de Llobregat&quot;},{&quot;src&quot;:&quot;https:\\\/\\\/www.garciafaura.com\\\/wp-content\\\/uploads\\\/2019\\\/06\\\/12617-08.jpg&quot;,&quot;title&quot;:&quot;Cerramientos de aluminio y vidrio en conjunto de promociones en Sant Boi de Llobregat&quot;},{&quot;src&quot;:&quot;https:\\\/\\\/www.garciafaura.com\\\/wp-content\\\/uploads\\\/2019\\\/06\\\/12617-07.jpg&quot;,&quot;title&quot;:&quot;Cerramientos de aluminio y vidrio en conjunto de promociones en Sant Boi de Llobregat&quot;},{&quot;src&quot;:&quot;https:\\\/\\\/www.garciafaura.com\\\/wp-content\\\/uploads\\\/2019\\\/06\\\/12617-06.jpg&quot;,&quot;title&quot;:&quot;Cerramientos de aluminio y vidrio en conjunto de promociones en Sant Boi de Llobregat&quot;},{&quot;src&quot;:&quot;https:\\\/\\\/www.garciafaura.com\\\/wp-content\\\/uploads\\\/2019\\\/06\\\/12617-05.jpg&quot;,&quot;title&quot;:&quot;Cerramientos de aluminio y vidrio en conjunto de promociones en Sant Boi de Llobregat&quot;},{&quot;src&quot;:&quot;https:\\\/\\\/www.garciafaura.com\\\/wp-content\\\/uploads\\\/2019\\\/06\\\/12617-04.jpg&quot;,&quot;title&quot;:&quot;Cerramientos de aluminio y vidrio en conjunto de promociones en Sant Boi de Llobregat&quot;},{&quot;src&quot;:&quot;https:\\\/\\\/www.garciafaura.com\\\/wp-content\\\/uploads\\\/2019\\\/06\\\/12617-03.jpg&quot;,&quot;title&quot;:&quot;Cerramientos de aluminio y vidrio en conjunto de promociones en Sant Boi de Llobregat&quot;},{&quot;src&quot;:&quot;https:\\\/\\\/www.garciafaura.com\\\/wp-content\\\/uploads\\\/2019\\\/06\\\/12617-02.jpg&quot;,&quot;title&quot;:&quot;Cerramientos de aluminio y vidrio en conjunto de promociones en Sant Boi de Llobregat&quot;}]\"><img loading=\"lazy\" decoding=\"async\" data-no-lazy=\"1\" class=\"portfolio-entry-img skip-lazy\" src=\"https:\/\/www.garciafaura.com\/wp-content\/uploads\/2019\/06\/12617-01-600x314.jpg\" alt=\"Cerramientos De Aluminio Y Vidrio En Conjunto De Promociones En Sant Boi De Llobregat\" data-no-retina width=\"600\" height=\"314\" \/><\/a><\/div><div class=\"portfolio-entry-details entry-details wpex-clr\"><h2 class=\"portfolio-entry-title entry-title\"><a href=\"https:\/\/www.garciafaura.com\/es\/portfolio-item\/promociones-ronda-sant-ramon\/\" title=\"Promociones Ronda Sant Ramon\">Promociones Ronda Sant Ramon<\/a><\/h2><div class=\"portfolio-entry-categories entry-categories wpex-clr\"><a href=\"https:\/\/www.garciafaura.com\/es\/portfolio-category\/conjuntos-residenciales\/\" class=\"term-46\">Conjuntos residenciales<\/a><\/div><\/div><\/div><\/div><div class=\"portfolio-entry vcex-grid-item entry-has-details span_1_of_3 col col-1 vcex-isotope-entry vcex-no-margin-entry post-21075 entry type-portfolio has-media cat-46 translation_priority-6\"><div class=\"portfolio-entry-inner entry-inner wpex-clr\"><div class=\"portfolio-entry-media entry-media wpex-clr\"><a href=\"https:\/\/www.garciafaura.com\/wp-content\/uploads\/2019\/05\/13070-01.jpg\" title=\"Promoci\u00f3n Avenida Pallaressa\" class=\"portfolio-entry-media-link wpex-lightbox-gallery\" data-gallery=\"[{&quot;src&quot;:&quot;https:\\\/\\\/www.garciafaura.com\\\/wp-content\\\/uploads\\\/2019\\\/05\\\/13070-01.jpg&quot;,&quot;title&quot;:&quot;Cerramientos de aluminio y vidrio en vivienda plurifamiliar en Santa Coloma de Gramenet.&quot;},{&quot;src&quot;:&quot;https:\\\/\\\/www.garciafaura.com\\\/wp-content\\\/uploads\\\/2019\\\/05\\\/13070-08.jpg&quot;,&quot;title&quot;:&quot;Cerramientos de aluminio y vidrio en vivienda plurifamiliar en Santa Coloma de Gramenet.&quot;},{&quot;src&quot;:&quot;https:\\\/\\\/www.garciafaura.com\\\/wp-content\\\/uploads\\\/2019\\\/05\\\/13070-07.jpg&quot;,&quot;title&quot;:&quot;Cerramientos de aluminio y vidrio en vivienda plurifamiliar en Santa Coloma de Gramenet.&quot;},{&quot;src&quot;:&quot;https:\\\/\\\/www.garciafaura.com\\\/wp-content\\\/uploads\\\/2019\\\/05\\\/13070-06.jpg&quot;,&quot;title&quot;:&quot;Cerramientos de aluminio y vidrio en vivienda plurifamiliar en Santa Coloma de Gramenet.&quot;},{&quot;src&quot;:&quot;https:\\\/\\\/www.garciafaura.com\\\/wp-content\\\/uploads\\\/2019\\\/05\\\/13070-05.jpg&quot;,&quot;title&quot;:&quot;Cerramientos de aluminio y vidrio en vivienda plurifamiliar en Santa Coloma de Gramenet.&quot;},{&quot;src&quot;:&quot;https:\\\/\\\/www.garciafaura.com\\\/wp-content\\\/uploads\\\/2019\\\/05\\\/13070-04.jpg&quot;,&quot;title&quot;:&quot;Cerramientos de aluminio y vidrio en vivienda plurifamiliar en Santa Coloma de Gramenet.&quot;},{&quot;src&quot;:&quot;https:\\\/\\\/www.garciafaura.com\\\/wp-content\\\/uploads\\\/2019\\\/05\\\/13070-03.jpg&quot;,&quot;title&quot;:&quot;Fermetures en aluminium et verre dans immeubles collectifs \\u00e0 Santa Coloma de Gramenet.&quot;},{&quot;src&quot;:&quot;https:\\\/\\\/www.garciafaura.com\\\/wp-content\\\/uploads\\\/2019\\\/05\\\/13070-02.jpg&quot;,&quot;title&quot;:&quot;Cerramientos de aluminio y vidrio en vivienda plurifamiliar en Santa Coloma de Gramenet.&quot;}]\"><img loading=\"lazy\" decoding=\"async\" data-no-lazy=\"1\" class=\"portfolio-entry-img skip-lazy\" src=\"https:\/\/www.garciafaura.com\/wp-content\/uploads\/2019\/05\/13070-01-600x314.jpg\" alt=\"Cerramientos De Aluminio Y Vidrio En Vivienda Plurifamiliar En Santa Coloma De Gramenet.\" data-no-retina width=\"600\" height=\"314\" \/><\/a><\/div><div class=\"portfolio-entry-details entry-details wpex-clr\"><h2 class=\"portfolio-entry-title entry-title\"><a href=\"https:\/\/www.garciafaura.com\/es\/portfolio-item\/promocion-avenida-pallaressa\/\" title=\"Promoci\u00f3n Avenida Pallaressa\">Promoci\u00f3n Avenida Pallaressa<\/a><\/h2><div class=\"portfolio-entry-categories entry-categories wpex-clr\"><a href=\"https:\/\/www.garciafaura.com\/es\/portfolio-category\/conjuntos-residenciales\/\" class=\"term-46\">Conjuntos residenciales<\/a><\/div><\/div><\/div><\/div><div class=\"portfolio-entry vcex-grid-item entry-has-details span_1_of_3 col col-2 vcex-isotope-entry vcex-no-margin-entry post-19817 entry type-portfolio has-media cat-46 translation_priority-6\"><div class=\"portfolio-entry-inner entry-inner wpex-clr\"><div class=\"portfolio-entry-media entry-media wpex-clr\"><a href=\"https:\/\/www.garciafaura.com\/wp-content\/uploads\/2019\/04\/Residencial-Pineda-Gava\u0300-01.jpg\" title=\"Residencial Pineda Gav\u00e0\" class=\"portfolio-entry-media-link wpex-lightbox-gallery\" data-gallery=\"[{&quot;src&quot;:&quot;https:\\\/\\\/www.garciafaura.com\\\/wp-content\\\/uploads\\\/2019\\\/04\\\/Residencial-Pineda-Gava\\u0300-01.jpg&quot;,&quot;title&quot;:&quot;Residencial Pineda Gav\\u00e0&quot;},{&quot;src&quot;:&quot;https:\\\/\\\/www.garciafaura.com\\\/wp-content\\\/uploads\\\/2019\\\/04\\\/Residencial-Pineda-Gava\\u0300-08.jpg&quot;,&quot;title&quot;:&quot;Residencial Pineda Gav\\u00e0&quot;},{&quot;src&quot;:&quot;https:\\\/\\\/www.garciafaura.com\\\/wp-content\\\/uploads\\\/2019\\\/04\\\/Residencial-Pineda-Gava\\u0300-07.jpg&quot;,&quot;title&quot;:&quot;Residencial Pineda Gav\\u00e0&quot;},{&quot;src&quot;:&quot;https:\\\/\\\/www.garciafaura.com\\\/wp-content\\\/uploads\\\/2019\\\/04\\\/Residencial-Pineda-Gava\\u0300-06.jpg&quot;,&quot;title&quot;:&quot;Residencial Pineda Gav\\u00e0&quot;},{&quot;src&quot;:&quot;https:\\\/\\\/www.garciafaura.com\\\/wp-content\\\/uploads\\\/2019\\\/04\\\/Residencial-Pineda-Gava\\u0300-05.jpg&quot;,&quot;title&quot;:&quot;Residencial Pineda Gav\\u00e0&quot;},{&quot;src&quot;:&quot;https:\\\/\\\/www.garciafaura.com\\\/wp-content\\\/uploads\\\/2019\\\/04\\\/Residencial-Pineda-Gava\\u0300-04.jpg&quot;,&quot;title&quot;:&quot;Residencial Pineda Gav\\u00e0&quot;},{&quot;src&quot;:&quot;https:\\\/\\\/www.garciafaura.com\\\/wp-content\\\/uploads\\\/2019\\\/04\\\/Residencial-Pineda-Gava\\u0300-03.jpg&quot;,&quot;title&quot;:&quot;Residencial Pineda Gav\\u00e0&quot;},{&quot;src&quot;:&quot;https:\\\/\\\/www.garciafaura.com\\\/wp-content\\\/uploads\\\/2019\\\/04\\\/Residencial-Pineda-Gava\\u0300-02.jpg&quot;,&quot;title&quot;:&quot;Residencial Pineda Gav\\u00e0&quot;}]\"><img loading=\"lazy\" decoding=\"async\" data-no-lazy=\"1\" class=\"portfolio-entry-img skip-lazy\" src=\"https:\/\/www.garciafaura.com\/wp-content\/uploads\/2019\/04\/Residencial-Pineda-Gava\u0300-01-600x314.jpg\" alt=\"Residencial Pineda Gav\u00e0\" data-no-retina width=\"600\" height=\"314\" \/><\/a><\/div><div class=\"portfolio-entry-details entry-details wpex-clr\"><h2 class=\"portfolio-entry-title entry-title\"><a href=\"https:\/\/www.garciafaura.com\/es\/portfolio-item\/residencial-la-pineda\/\" title=\"Residencial Pineda Gav\u00e0\">Residencial Pineda Gav\u00e0<\/a><\/h2><div class=\"portfolio-entry-categories entry-categories wpex-clr\"><a href=\"https:\/\/www.garciafaura.com\/es\/portfolio-category\/conjuntos-residenciales\/\" class=\"term-46\">Conjuntos residenciales<\/a><\/div><\/div><\/div><\/div><div class=\"portfolio-entry vcex-grid-item entry-has-details span_1_of_3 col col-3 vcex-isotope-entry vcex-no-margin-entry post-19792 entry type-portfolio has-media cat-46 translation_priority-6\"><div class=\"portfolio-entry-inner entry-inner wpex-clr\"><div class=\"portfolio-entry-media entry-media wpex-clr\"><a href=\"https:\/\/www.garciafaura.com\/wp-content\/uploads\/2019\/04\/Can-Matas-A2-Sant-Cugat-02.jpg\" title=\"Promoci\u00f3n Can Mates A2\" class=\"portfolio-entry-media-link wpex-lightbox-gallery\" data-gallery=\"[{&quot;src&quot;:&quot;https:\\\/\\\/www.garciafaura.com\\\/wp-content\\\/uploads\\\/2019\\\/04\\\/Can-Matas-A2-Sant-Cugat-01.jpg&quot;},{&quot;src&quot;:&quot;https:\\\/\\\/www.garciafaura.com\\\/wp-content\\\/uploads\\\/2019\\\/04\\\/Can-Matas-A2-Sant-Cugat-11.jpg&quot;},{&quot;src&quot;:&quot;https:\\\/\\\/www.garciafaura.com\\\/wp-content\\\/uploads\\\/2019\\\/04\\\/Can-Matas-A2-Sant-Cugat-10.jpg&quot;},{&quot;src&quot;:&quot;https:\\\/\\\/www.garciafaura.com\\\/wp-content\\\/uploads\\\/2019\\\/04\\\/Can-Matas-A2-Sant-Cugat-09.jpg&quot;},{&quot;src&quot;:&quot;https:\\\/\\\/www.garciafaura.com\\\/wp-content\\\/uploads\\\/2019\\\/04\\\/Can-Matas-A2-Sant-Cugat-08.jpg&quot;},{&quot;src&quot;:&quot;https:\\\/\\\/www.garciafaura.com\\\/wp-content\\\/uploads\\\/2019\\\/04\\\/Can-Matas-A2-Sant-Cugat-07.jpg&quot;},{&quot;src&quot;:&quot;https:\\\/\\\/www.garciafaura.com\\\/wp-content\\\/uploads\\\/2019\\\/04\\\/Can-Matas-A2-Sant-Cugat-06.jpg&quot;},{&quot;src&quot;:&quot;https:\\\/\\\/www.garciafaura.com\\\/wp-content\\\/uploads\\\/2019\\\/04\\\/Can-Matas-A2-Sant-Cugat-05.jpg&quot;},{&quot;src&quot;:&quot;https:\\\/\\\/www.garciafaura.com\\\/wp-content\\\/uploads\\\/2019\\\/04\\\/Can-Matas-A2-Sant-Cugat-04.jpg&quot;},{&quot;src&quot;:&quot;https:\\\/\\\/www.garciafaura.com\\\/wp-content\\\/uploads\\\/2019\\\/04\\\/Can-Matas-A2-Sant-Cugat-03.jpg&quot;},{&quot;src&quot;:&quot;https:\\\/\\\/www.garciafaura.com\\\/wp-content\\\/uploads\\\/2019\\\/04\\\/Can-Matas-A2-Sant-Cugat-02.jpg&quot;}]\"><img loading=\"lazy\" decoding=\"async\" data-no-lazy=\"1\" class=\"portfolio-entry-img skip-lazy\" src=\"https:\/\/www.garciafaura.com\/wp-content\/uploads\/2019\/04\/Can-Matas-A2-Sant-Cugat-02-600x314.jpg\" alt='' data-no-retina width=\"600\" height=\"314\" \/><\/a><\/div><div class=\"portfolio-entry-details entry-details wpex-clr\"><h2 class=\"portfolio-entry-title entry-title\"><a href=\"https:\/\/www.garciafaura.com\/es\/portfolio-item\/promocion-can-mates-a2\/\" title=\"Promoci\u00f3n Can Mates A2\">Promoci\u00f3n Can Mates A2<\/a><\/h2><div class=\"portfolio-entry-categories entry-categories wpex-clr\"><a href=\"https:\/\/www.garciafaura.com\/es\/portfolio-category\/conjuntos-residenciales\/\" class=\"term-46\">Conjuntos residenciales<\/a><\/div><\/div><\/div><\/div><div class=\"portfolio-entry vcex-grid-item entry-has-details span_1_of_3 col col-1 vcex-isotope-entry vcex-no-margin-entry post-19767 entry type-portfolio has-media cat-46 translation_priority-6\"><div class=\"portfolio-entry-inner entry-inner wpex-clr\"><div class=\"portfolio-entry-media entry-media wpex-clr\"><a href=\"https:\/\/www.garciafaura.com\/wp-content\/uploads\/2019\/04\/Residencial-Ponent-Badalona-01.jpg\" title=\"Residencial Ponent Badalona\" class=\"portfolio-entry-media-link wpex-lightbox-gallery\" data-gallery=\"[{&quot;src&quot;:&quot;https:\\\/\\\/www.garciafaura.com\\\/wp-content\\\/uploads\\\/2019\\\/04\\\/Residencial-Ponent-Badalona-01.jpg&quot;},{&quot;src&quot;:&quot;https:\\\/\\\/www.garciafaura.com\\\/wp-content\\\/uploads\\\/2019\\\/04\\\/Residencial-Ponent-Badalona-14.jpg&quot;},{&quot;src&quot;:&quot;https:\\\/\\\/www.garciafaura.com\\\/wp-content\\\/uploads\\\/2019\\\/04\\\/Residencial-Ponent-Badalona-13.jpg&quot;},{&quot;src&quot;:&quot;https:\\\/\\\/www.garciafaura.com\\\/wp-content\\\/uploads\\\/2019\\\/04\\\/Residencial-Ponent-Badalona-12.jpg&quot;},{&quot;src&quot;:&quot;https:\\\/\\\/www.garciafaura.com\\\/wp-content\\\/uploads\\\/2019\\\/04\\\/Residencial-Ponent-Badalona-11.jpg&quot;},{&quot;src&quot;:&quot;https:\\\/\\\/www.garciafaura.com\\\/wp-content\\\/uploads\\\/2019\\\/04\\\/Residencial-Ponent-Badalona-10.jpg&quot;},{&quot;src&quot;:&quot;https:\\\/\\\/www.garciafaura.com\\\/wp-content\\\/uploads\\\/2019\\\/04\\\/Residencial-Ponent-Badalona-09.jpg&quot;},{&quot;src&quot;:&quot;https:\\\/\\\/www.garciafaura.com\\\/wp-content\\\/uploads\\\/2019\\\/04\\\/Residencial-Ponent-Badalona-08.jpg&quot;},{&quot;src&quot;:&quot;https:\\\/\\\/www.garciafaura.com\\\/wp-content\\\/uploads\\\/2019\\\/04\\\/Residencial-Ponent-Badalona-07.jpg&quot;},{&quot;src&quot;:&quot;https:\\\/\\\/www.garciafaura.com\\\/wp-content\\\/uploads\\\/2019\\\/04\\\/Residencial-Ponent-Badalona-06.jpg&quot;},{&quot;src&quot;:&quot;https:\\\/\\\/www.garciafaura.com\\\/wp-content\\\/uploads\\\/2019\\\/04\\\/Residencial-Ponent-Badalona-05.jpg&quot;},{&quot;src&quot;:&quot;https:\\\/\\\/www.garciafaura.com\\\/wp-content\\\/uploads\\\/2019\\\/04\\\/Residencial-Ponent-Badalona-04.jpg&quot;},{&quot;src&quot;:&quot;https:\\\/\\\/www.garciafaura.com\\\/wp-content\\\/uploads\\\/2019\\\/04\\\/Residencial-Ponent-Badalona-03.jpg&quot;},{&quot;src&quot;:&quot;https:\\\/\\\/www.garciafaura.com\\\/wp-content\\\/uploads\\\/2019\\\/04\\\/Residencial-Ponent-Badalona-02.jpg&quot;}]\"><img loading=\"lazy\" decoding=\"async\" data-no-lazy=\"1\" class=\"portfolio-entry-img skip-lazy\" src=\"https:\/\/www.garciafaura.com\/wp-content\/uploads\/2019\/04\/Residencial-Ponent-Badalona-01-600x314.jpg\" alt='' data-no-retina width=\"600\" height=\"314\" \/><\/a><\/div><div class=\"portfolio-entry-details entry-details wpex-clr\"><h2 class=\"portfolio-entry-title entry-title\"><a href=\"https:\/\/www.garciafaura.com\/es\/portfolio-item\/residencial-ponent-badalona\/\" title=\"Residencial Ponent Badalona\">Residencial Ponent Badalona<\/a><\/h2><div class=\"portfolio-entry-categories entry-categories wpex-clr\"><a href=\"https:\/\/www.garciafaura.com\/es\/portfolio-category\/conjuntos-residenciales\/\" class=\"term-46\">Conjuntos residenciales<\/a><\/div><\/div><\/div><\/div><div class=\"portfolio-entry vcex-grid-item entry-has-details span_1_of_3 col col-2 vcex-isotope-entry vcex-no-margin-entry post-19760 entry type-portfolio has-media cat-46 translation_priority-6\"><div class=\"portfolio-entry-inner entry-inner wpex-clr\"><div class=\"portfolio-entry-media entry-media wpex-clr\"><a href=\"https:\/\/www.garciafaura.com\/wp-content\/uploads\/2019\/04\/Promocio\u0301-Fort-Pienc-04.jpg\" title=\"Promoci\u00f3n Fort Pienc\" class=\"portfolio-entry-media-link wpex-lightbox-gallery\" data-gallery=\"[{&quot;src&quot;:&quot;https:\\\/\\\/www.garciafaura.com\\\/wp-content\\\/uploads\\\/2019\\\/04\\\/Promocio\\u0301-Fort-Pienc-01.jpg&quot;,&quot;title&quot;:&quot;Promoci\\u00f3 Fort Pienc&quot;},{&quot;src&quot;:&quot;https:\\\/\\\/www.garciafaura.com\\\/wp-content\\\/uploads\\\/2019\\\/04\\\/Promocio\\u0301-Fort-Pienc-07.jpg&quot;,&quot;title&quot;:&quot;Promoci\\u00f3 Fort Pienc&quot;},{&quot;src&quot;:&quot;https:\\\/\\\/www.garciafaura.com\\\/wp-content\\\/uploads\\\/2019\\\/04\\\/Promocio\\u0301-Fort-Pienc-06.jpg&quot;,&quot;title&quot;:&quot;Promoci\\u00f3 Fort Pienc&quot;},{&quot;src&quot;:&quot;https:\\\/\\\/www.garciafaura.com\\\/wp-content\\\/uploads\\\/2019\\\/04\\\/Promocio\\u0301-Fort-Pienc-05.jpg&quot;,&quot;title&quot;:&quot;Promoci\\u00f3 Fort Pienc&quot;},{&quot;src&quot;:&quot;https:\\\/\\\/www.garciafaura.com\\\/wp-content\\\/uploads\\\/2019\\\/04\\\/Promocio\\u0301-Fort-Pienc-04.jpg&quot;,&quot;title&quot;:&quot;Promoci\\u00f3 Fort Pienc&quot;},{&quot;src&quot;:&quot;https:\\\/\\\/www.garciafaura.com\\\/wp-content\\\/uploads\\\/2019\\\/04\\\/Promocio\\u0301-Fort-Pienc-03.jpg&quot;,&quot;title&quot;:&quot;Promoci\\u00f3 Fort Pienc&quot;},{&quot;src&quot;:&quot;https:\\\/\\\/www.garciafaura.com\\\/wp-content\\\/uploads\\\/2019\\\/04\\\/Promocio\\u0301-Fort-Pienc-02.jpg&quot;,&quot;title&quot;:&quot;Promoci\\u00f3 Fort Pienc&quot;}]\"><img loading=\"lazy\" decoding=\"async\" data-no-lazy=\"1\" class=\"portfolio-entry-img skip-lazy\" src=\"https:\/\/www.garciafaura.com\/wp-content\/uploads\/2019\/04\/Promocio\u0301-Fort-Pienc-04-600x314.jpg\" alt=\"Promoci\u00f3 Fort Pienc\" data-no-retina width=\"600\" height=\"314\" \/><\/a><\/div><div class=\"portfolio-entry-details entry-details wpex-clr\"><h2 class=\"portfolio-entry-title entry-title\"><a href=\"https:\/\/www.garciafaura.com\/es\/portfolio-item\/promocion-fort-pienc\/\" title=\"Promoci\u00f3n Fort Pienc\">Promoci\u00f3n Fort Pienc<\/a><\/h2><div class=\"portfolio-entry-categories entry-categories wpex-clr\"><a href=\"https:\/\/www.garciafaura.com\/es\/portfolio-category\/conjuntos-residenciales\/\" class=\"term-46\">Conjuntos residenciales<\/a><\/div><\/div><\/div><\/div><div class=\"portfolio-entry vcex-grid-item entry-has-details span_1_of_3 col col-3 vcex-isotope-entry vcex-no-margin-entry post-19739 entry type-portfolio has-media cat-46 translation_priority-6\"><div class=\"portfolio-entry-inner entry-inner wpex-clr\"><div class=\"portfolio-entry-media entry-media wpex-clr\"><a href=\"https:\/\/www.garciafaura.com\/wp-content\/uploads\/2019\/10\/13128-01.jpg\" title=\"Promoci\u00f3n Mas Llu\u00ed Sant Just Desvern\" class=\"portfolio-entry-media-link wpex-lightbox-gallery\" data-gallery=\"[{&quot;src&quot;:&quot;https:\\\/\\\/www.garciafaura.com\\\/wp-content\\\/uploads\\\/2019\\\/10\\\/13128-01.jpg&quot;},{&quot;src&quot;:&quot;https:\\\/\\\/www.garciafaura.com\\\/wp-content\\\/uploads\\\/2019\\\/10\\\/13128-10.jpg&quot;},{&quot;src&quot;:&quot;https:\\\/\\\/www.garciafaura.com\\\/wp-content\\\/uploads\\\/2019\\\/10\\\/13128-09.jpg&quot;},{&quot;src&quot;:&quot;https:\\\/\\\/www.garciafaura.com\\\/wp-content\\\/uploads\\\/2019\\\/10\\\/13128-08.jpg&quot;},{&quot;src&quot;:&quot;https:\\\/\\\/www.garciafaura.com\\\/wp-content\\\/uploads\\\/2019\\\/10\\\/13128-07.jpg&quot;},{&quot;src&quot;:&quot;https:\\\/\\\/www.garciafaura.com\\\/wp-content\\\/uploads\\\/2019\\\/10\\\/13128-06.jpg&quot;},{&quot;src&quot;:&quot;https:\\\/\\\/www.garciafaura.com\\\/wp-content\\\/uploads\\\/2019\\\/10\\\/13128-05.jpg&quot;},{&quot;src&quot;:&quot;https:\\\/\\\/www.garciafaura.com\\\/wp-content\\\/uploads\\\/2019\\\/10\\\/13128-04.jpg&quot;},{&quot;src&quot;:&quot;https:\\\/\\\/www.garciafaura.com\\\/wp-content\\\/uploads\\\/2019\\\/10\\\/13128-03.jpg&quot;},{&quot;src&quot;:&quot;https:\\\/\\\/www.garciafaura.com\\\/wp-content\\\/uploads\\\/2019\\\/10\\\/13128-02.jpg&quot;}]\"><img loading=\"lazy\" decoding=\"async\" data-no-lazy=\"1\" class=\"portfolio-entry-img skip-lazy\" src=\"https:\/\/www.garciafaura.com\/wp-content\/uploads\/2019\/10\/13128-01-600x314.jpg\" alt='' data-no-retina width=\"600\" height=\"314\" \/><\/a><\/div><div class=\"portfolio-entry-details entry-details wpex-clr\"><h2 class=\"portfolio-entry-title entry-title\"><a href=\"https:\/\/www.garciafaura.com\/es\/portfolio-item\/promocion-mas-lluhi\/\" title=\"Promoci\u00f3n Mas Llu\u00ed Sant Just Desvern\">Promoci\u00f3n Mas Llu\u00ed Sant Just Desvern<\/a><\/h2><div class=\"portfolio-entry-categories entry-categories wpex-clr\"><a href=\"https:\/\/www.garciafaura.com\/es\/portfolio-category\/conjuntos-residenciales\/\" class=\"term-46\">Conjuntos residenciales<\/a><\/div><\/div><\/div><\/div><div class=\"portfolio-entry vcex-grid-item entry-has-details span_1_of_3 col col-1 vcex-isotope-entry vcex-no-margin-entry post-19213 entry type-portfolio has-media cat-46 translation_priority-6\"><div class=\"portfolio-entry-inner entry-inner wpex-clr\"><div class=\"portfolio-entry-media entry-media wpex-clr\"><a href=\"https:\/\/www.garciafaura.com\/wp-content\/uploads\/2019\/04\/Promocio-Pere-Calders-Sant-Cugat-01.jpg\" title=\"Promoci\u00f3n Pere Calders Sant Cugat\" class=\"portfolio-entry-media-link wpex-lightbox-gallery\" data-gallery=\"[{&quot;src&quot;:&quot;https:\\\/\\\/www.garciafaura.com\\\/wp-content\\\/uploads\\\/2019\\\/04\\\/Promocio-Pere-Calders-Sant-Cugat-01.jpg&quot;,&quot;title&quot;:&quot;Fabricaci\\u00f3 i instal\\u00b7laci\\u00f3 de tancaments d&#039;alumini, vidrieria i xapa en bloc de promoci\\u00f3 d&#039;habitatges a Sant Cugat del Vall\\u00e8s&quot;},{&quot;src&quot;:&quot;https:\\\/\\\/www.garciafaura.com\\\/wp-content\\\/uploads\\\/2019\\\/04\\\/Promocio-Pere-Calders-Sant-Cugat-10.jpg&quot;,&quot;title&quot;:&quot;Fabricaci\\u00f3 i instal\\u00b7laci\\u00f3 de tancaments d&#039;alumini, vidrieria i xapa en bloc de promoci\\u00f3 d&#039;habitatges a Sant Cugat del Vall\\u00e8s&quot;},{&quot;src&quot;:&quot;https:\\\/\\\/www.garciafaura.com\\\/wp-content\\\/uploads\\\/2019\\\/04\\\/Promocio-Pere-Calders-Sant-Cugat-09.jpg&quot;,&quot;title&quot;:&quot;Fabricaci\\u00f3 i instal\\u00b7laci\\u00f3 de tancaments d&#039;alumini, vidrieria i xapa en bloc de promoci\\u00f3 d&#039;habitatges a Sant Cugat del Vall\\u00e8s&quot;},{&quot;src&quot;:&quot;https:\\\/\\\/www.garciafaura.com\\\/wp-content\\\/uploads\\\/2019\\\/04\\\/Promocio-Pere-Calders-Sant-Cugat-08.jpg&quot;,&quot;title&quot;:&quot;Fabricaci\\u00f3 i instal\\u00b7laci\\u00f3 de tancaments d&#039;alumini, vidrieria i xapa en bloc de promoci\\u00f3 d&#039;habitatges a Sant Cugat del Vall\\u00e8s&quot;},{&quot;src&quot;:&quot;https:\\\/\\\/www.garciafaura.com\\\/wp-content\\\/uploads\\\/2019\\\/04\\\/Promocio-Pere-Calders-Sant-Cugat-07.jpg&quot;,&quot;title&quot;:&quot;Fabricaci\\u00f3 i instal\\u00b7laci\\u00f3 de tancaments d&#039;alumini, vidrieria i xapa en bloc de promoci\\u00f3 d&#039;habitatges a Sant Cugat del Vall\\u00e8s&quot;},{&quot;src&quot;:&quot;https:\\\/\\\/www.garciafaura.com\\\/wp-content\\\/uploads\\\/2019\\\/04\\\/Promocio-Pere-Calders-Sant-Cugat-06.jpg&quot;,&quot;title&quot;:&quot;Fabricaci\\u00f3 i instal\\u00b7laci\\u00f3 de tancaments d&#039;alumini, vidrieria i xapa en bloc de promoci\\u00f3 d&#039;habitatges a Sant Cugat del Vall\\u00e8s&quot;},{&quot;src&quot;:&quot;https:\\\/\\\/www.garciafaura.com\\\/wp-content\\\/uploads\\\/2019\\\/04\\\/Promocio-Pere-Calders-Sant-Cugat-05.jpg&quot;,&quot;title&quot;:&quot;Fabricaci\\u00f3 i instal\\u00b7laci\\u00f3 de tancaments d&#039;alumini, vidrieria i xapa en bloc de promoci\\u00f3 d&#039;habitatges a Sant Cugat del Vall\\u00e8s&quot;},{&quot;src&quot;:&quot;https:\\\/\\\/www.garciafaura.com\\\/wp-content\\\/uploads\\\/2019\\\/04\\\/Promocio-Pere-Calders-Sant-Cugat-04.jpg&quot;,&quot;title&quot;:&quot;Fabricaci\\u00f3 i instal\\u00b7laci\\u00f3 de tancaments d&#039;alumini, vidrieria i xapa en bloc de promoci\\u00f3 d&#039;habitatges a Sant Cugat del Vall\\u00e8s&quot;},{&quot;src&quot;:&quot;https:\\\/\\\/www.garciafaura.com\\\/wp-content\\\/uploads\\\/2019\\\/04\\\/Promocio-Pere-Calders-Sant-Cugat-03.jpg&quot;,&quot;title&quot;:&quot;Fabricaci\\u00f3 i instal\\u00b7laci\\u00f3 de tancaments d&#039;alumini, vidrieria i xapa en bloc de promoci\\u00f3 d&#039;habitatges a Sant Cugat del Vall\\u00e8s&quot;},{&quot;src&quot;:&quot;https:\\\/\\\/www.garciafaura.com\\\/wp-content\\\/uploads\\\/2019\\\/04\\\/Promocio-Pere-Calders-Sant-Cugat-02.jpg&quot;,&quot;title&quot;:&quot;Fabricaci\\u00f3 i instal\\u00b7laci\\u00f3 de tancaments d&#039;alumini, vidrieria i xapa en bloc de promoci\\u00f3 d&#039;habitatges a Sant Cugat del Vall\\u00e8s&quot;}]\"><img loading=\"lazy\" decoding=\"async\" data-no-lazy=\"1\" class=\"portfolio-entry-img skip-lazy\" src=\"https:\/\/www.garciafaura.com\/wp-content\/uploads\/2019\/04\/Promocio-Pere-Calders-Sant-Cugat-01-600x314.jpg\" alt=\"Fabricaci\u00f3 I Instal\u00b7laci\u00f3 De Tancaments D'alumini, Vidrieria I Xapa En Bloc De Promoci\u00f3 D'habitatges A Sant Cugat Del Vall\u00e8s\" data-no-retina width=\"600\" height=\"314\" \/><\/a><\/div><div class=\"portfolio-entry-details entry-details wpex-clr\"><h2 class=\"portfolio-entry-title entry-title\"><a href=\"https:\/\/www.garciafaura.com\/es\/portfolio-item\/promocion-volpelleres\/\" title=\"Promoci\u00f3n Pere Calders Sant Cugat\">Promoci\u00f3n Pere Calders Sant Cugat<\/a><\/h2><div class=\"portfolio-entry-categories entry-categories wpex-clr\"><a href=\"https:\/\/www.garciafaura.com\/es\/portfolio-category\/conjuntos-residenciales\/\" class=\"term-46\">Conjuntos residenciales<\/a><\/div><\/div><\/div><\/div><div class=\"portfolio-entry vcex-grid-item entry-has-details span_1_of_3 col col-2 vcex-isotope-entry vcex-no-margin-entry post-19181 entry type-portfolio has-media cat-46 translation_priority-6\"><div class=\"portfolio-entry-inner entry-inner wpex-clr\"><div class=\"portfolio-entry-media entry-media wpex-clr\"><a href=\"https:\/\/www.garciafaura.com\/wp-content\/uploads\/2019\/04\/13027-03.jpg\" title=\"Promoci\u00f3n Els Miralls de Sant Just\" class=\"portfolio-entry-media-link wpex-lightbox-gallery\" data-gallery=\"[{&quot;src&quot;:&quot;https:\\\/\\\/www.garciafaura.com\\\/wp-content\\\/uploads\\\/2019\\\/04\\\/13027-04.jpg&quot;,&quot;title&quot;:&quot;Cerramientos de aluminio y vidrio de altas prestaciones para conjunto de bloques de viviendas plurifamiliares en Sant Just Desvern (Barcelona)&quot;},{&quot;src&quot;:&quot;https:\\\/\\\/www.garciafaura.com\\\/wp-content\\\/uploads\\\/2019\\\/04\\\/13027-09.jpg&quot;,&quot;title&quot;:&quot;Cerramientos de aluminio y vidrio de altas prestaciones para conjunto de bloques de viviendas plurifamiliares en Sant Just Desvern (Barcelona)&quot;},{&quot;src&quot;:&quot;https:\\\/\\\/www.garciafaura.com\\\/wp-content\\\/uploads\\\/2019\\\/04\\\/13027-08.jpg&quot;,&quot;title&quot;:&quot;Cerramientos de aluminio y vidrio de altas prestaciones para conjunto de bloques de viviendas plurifamiliares en Sant Just Desvern (Barcelona)&quot;},{&quot;src&quot;:&quot;https:\\\/\\\/www.garciafaura.com\\\/wp-content\\\/uploads\\\/2019\\\/04\\\/13027-07.jpg&quot;,&quot;title&quot;:&quot;Cerramientos de aluminio y vidrio de altas prestaciones para conjunto de bloques de viviendas plurifamiliares en Sant Just Desvern (Barcelona)&quot;},{&quot;src&quot;:&quot;https:\\\/\\\/www.garciafaura.com\\\/wp-content\\\/uploads\\\/2019\\\/04\\\/13027-06.jpg&quot;,&quot;title&quot;:&quot;Cerramientos de aluminio y vidrio de altas prestaciones para conjunto de bloques de viviendas plurifamiliares en Sant Just Desvern (Barcelona)&quot;},{&quot;src&quot;:&quot;https:\\\/\\\/www.garciafaura.com\\\/wp-content\\\/uploads\\\/2019\\\/04\\\/13027-05.jpg&quot;,&quot;title&quot;:&quot;Cerramientos de aluminio y vidrio de altas prestaciones para conjunto de bloques de viviendas plurifamiliares en Sant Just Desvern (Barcelona)&quot;},{&quot;src&quot;:&quot;https:\\\/\\\/www.garciafaura.com\\\/wp-content\\\/uploads\\\/2019\\\/04\\\/13027-03.jpg&quot;,&quot;title&quot;:&quot;Cerramientos de aluminio y vidrio de altas prestaciones para conjunto de bloques de viviendas plurifamiliares en Sant Just Desvern (Barcelona)&quot;},{&quot;src&quot;:&quot;https:\\\/\\\/www.garciafaura.com\\\/wp-content\\\/uploads\\\/2019\\\/04\\\/13027-02.jpg&quot;,&quot;title&quot;:&quot;Cerramientos de aluminio y vidrio de altas prestaciones para conjunto de bloques de viviendas plurifamiliares en Sant Just Desvern (Barcelona)&quot;},{&quot;src&quot;:&quot;https:\\\/\\\/www.garciafaura.com\\\/wp-content\\\/uploads\\\/2019\\\/04\\\/13027-01.jpg&quot;,&quot;title&quot;:&quot;Cerramientos de aluminio y vidrio de altas prestaciones para conjunto de bloques de viviendas plurifamiliares en Sant Just Desvern (Barcelona)&quot;}]\"><img loading=\"lazy\" decoding=\"async\" data-no-lazy=\"1\" class=\"portfolio-entry-img skip-lazy\" src=\"https:\/\/www.garciafaura.com\/wp-content\/uploads\/2019\/04\/13027-03-600x314.jpg\" alt=\"Cerramientos De Aluminio Y Vidrio De Altas Prestaciones Para Conjunto De Bloques De Viviendas Plurifamiliares En Sant Just Desvern (Barcelona)\" data-no-retina width=\"600\" height=\"314\" \/><\/a><\/div><div class=\"portfolio-entry-details entry-details wpex-clr\"><h2 class=\"portfolio-entry-title entry-title\"><a href=\"https:\/\/www.garciafaura.com\/es\/portfolio-item\/promocion-sant-just-torreblanca\/\" title=\"Promoci\u00f3n Els Miralls de Sant Just\">Promoci\u00f3n Els Miralls de Sant Just<\/a><\/h2><div class=\"portfolio-entry-categories entry-categories wpex-clr\"><a href=\"https:\/\/www.garciafaura.com\/es\/portfolio-category\/conjuntos-residenciales\/\" class=\"term-46\">Conjuntos residenciales<\/a><\/div><\/div><\/div><\/div><div class=\"portfolio-entry vcex-grid-item entry-has-details span_1_of_3 col col-3 vcex-isotope-entry vcex-no-margin-entry post-19152 entry type-portfolio has-media cat-46 translation_priority-6\"><div class=\"portfolio-entry-inner entry-inner wpex-clr\"><div class=\"portfolio-entry-media entry-media wpex-clr\"><a href=\"https:\/\/www.garciafaura.com\/wp-content\/uploads\/2019\/04\/Promocio-Sancho-Avila-01.jpg\" title=\"Viviendas Sancho de \u00c1vila\" class=\"portfolio-entry-media-link wpex-lightbox-gallery\" data-gallery=\"[{&quot;src&quot;:&quot;https:\\\/\\\/www.garciafaura.com\\\/wp-content\\\/uploads\\\/2019\\\/04\\\/Promocio-Sancho-Avila-01.jpg&quot;,&quot;title&quot;:&quot;Trabajos para promoci\\u00f3n de vivienda p\\u00fablica en Barcelona&quot;},{&quot;src&quot;:&quot;https:\\\/\\\/www.garciafaura.com\\\/wp-content\\\/uploads\\\/2019\\\/04\\\/Promocio-Sancho-Avila-08.jpg&quot;,&quot;title&quot;:&quot;Trabajos para promoci\\u00f3n de vivienda p\\u00fablica en Barcelona&quot;},{&quot;src&quot;:&quot;https:\\\/\\\/www.garciafaura.com\\\/wp-content\\\/uploads\\\/2019\\\/04\\\/Promocio-Sancho-Avila-07.jpg&quot;,&quot;title&quot;:&quot;Trabajos para promoci\\u00f3n de vivienda p\\u00fablica en Barcelona&quot;},{&quot;src&quot;:&quot;https:\\\/\\\/www.garciafaura.com\\\/wp-content\\\/uploads\\\/2019\\\/04\\\/Promocio-Sancho-Avila-06.jpg&quot;,&quot;title&quot;:&quot;Trabajos para promoci\\u00f3n de vivienda p\\u00fablica en Barcelona&quot;},{&quot;src&quot;:&quot;https:\\\/\\\/www.garciafaura.com\\\/wp-content\\\/uploads\\\/2019\\\/04\\\/Promocio-Sancho-Avila-05.jpg&quot;,&quot;title&quot;:&quot;Trabajos para promoci\\u00f3n de vivienda p\\u00fablica en Barcelona&quot;},{&quot;src&quot;:&quot;https:\\\/\\\/www.garciafaura.com\\\/wp-content\\\/uploads\\\/2019\\\/04\\\/Promocio-Sancho-Avila-04.jpg&quot;,&quot;title&quot;:&quot;Trabajos para promoci\\u00f3n de vivienda p\\u00fablica en Barcelona&quot;},{&quot;src&quot;:&quot;https:\\\/\\\/www.garciafaura.com\\\/wp-content\\\/uploads\\\/2019\\\/04\\\/Promocio-Sancho-Avila-03.jpg&quot;,&quot;title&quot;:&quot;Trabajos para promoci\\u00f3n de vivienda p\\u00fablica en Barcelona&quot;},{&quot;src&quot;:&quot;https:\\\/\\\/www.garciafaura.com\\\/wp-content\\\/uploads\\\/2019\\\/04\\\/Promocio-Sancho-Avila-02.jpg&quot;,&quot;title&quot;:&quot;Trabajos para promoci\\u00f3n de vivienda p\\u00fablica en Barcelona&quot;}]\"><img loading=\"lazy\" decoding=\"async\" data-no-lazy=\"1\" class=\"portfolio-entry-img skip-lazy\" src=\"https:\/\/www.garciafaura.com\/wp-content\/uploads\/2019\/04\/Promocio-Sancho-Avila-01-600x314.jpg\" alt=\"Trabajos Para Promoci\u00f3n De Vivienda P\u00fablica En Barcelona\" data-no-retina width=\"600\" height=\"314\" \/><\/a><\/div><div class=\"portfolio-entry-details entry-details wpex-clr\"><h2 class=\"portfolio-entry-title entry-title\"><a href=\"https:\/\/www.garciafaura.com\/es\/portfolio-item\/viviendas-sancho-de-avila\/\" title=\"Viviendas Sancho de \u00c1vila\">Viviendas Sancho de \u00c1vila<\/a><\/h2><div class=\"portfolio-entry-categories entry-categories wpex-clr\"><a href=\"https:\/\/www.garciafaura.com\/es\/portfolio-category\/conjuntos-residenciales\/\" class=\"term-46\">Conjuntos residenciales<\/a><\/div><\/div><\/div><\/div><div class=\"portfolio-entry vcex-grid-item entry-has-details span_1_of_3 col col-1 vcex-isotope-entry vcex-no-margin-entry post-18576 entry type-portfolio has-media cat-46 translation_priority-6\"><div class=\"portfolio-entry-inner entry-inner wpex-clr\"><div class=\"portfolio-entry-media entry-media wpex-clr\"><a href=\"https:\/\/www.garciafaura.com\/wp-content\/uploads\/2019\/04\/Promocio-El-Masnou-08.jpg\" title=\"Promoci\u00f3n El Masnou\" class=\"portfolio-entry-media-link wpex-lightbox-gallery\" data-gallery=\"[{&quot;src&quot;:&quot;https:\\\/\\\/www.garciafaura.com\\\/wp-content\\\/uploads\\\/2019\\\/04\\\/Promocio-El-Masnou-01.jpg&quot;,&quot;title&quot;:&quot;Tancaments d&#039;alumini i vidre en aquest conjunt residencial.&quot;},{&quot;src&quot;:&quot;https:\\\/\\\/www.garciafaura.com\\\/wp-content\\\/uploads\\\/2019\\\/04\\\/Promocio-El-Masnou-13.jpg&quot;,&quot;title&quot;:&quot;Tancaments d&#039;alumini i vidre en aquest conjunt residencial&quot;},{&quot;src&quot;:&quot;https:\\\/\\\/www.garciafaura.com\\\/wp-content\\\/uploads\\\/2019\\\/04\\\/Promocio-El-Masnou-12.jpg&quot;,&quot;title&quot;:&quot;Tancaments d&#039;alumini i vidre en aquest conjunt residencial&quot;},{&quot;src&quot;:&quot;https:\\\/\\\/www.garciafaura.com\\\/wp-content\\\/uploads\\\/2019\\\/04\\\/Promocio-El-Masnou-11.jpg&quot;,&quot;title&quot;:&quot;Tancaments d&#039;alumini i vidre en aquest conjunt residencial&quot;},{&quot;src&quot;:&quot;https:\\\/\\\/www.garciafaura.com\\\/wp-content\\\/uploads\\\/2019\\\/04\\\/Promocio-El-Masnou-10.jpg&quot;,&quot;title&quot;:&quot;Tancaments d&#039;alumini i vidre en aquest conjunt residencial&quot;},{&quot;src&quot;:&quot;https:\\\/\\\/www.garciafaura.com\\\/wp-content\\\/uploads\\\/2019\\\/04\\\/Promocio-El-Masnou-09.jpg&quot;,&quot;title&quot;:&quot;Tancaments d&#039;alumini i vidre en aquest conjunt residencial&quot;},{&quot;src&quot;:&quot;https:\\\/\\\/www.garciafaura.com\\\/wp-content\\\/uploads\\\/2019\\\/04\\\/Promocio-El-Masnou-08.jpg&quot;,&quot;title&quot;:&quot;Tancaments d&#039;alumini i vidre en aquest conjunt residencial&quot;},{&quot;src&quot;:&quot;https:\\\/\\\/www.garciafaura.com\\\/wp-content\\\/uploads\\\/2019\\\/04\\\/Promocio-El-Masnou-07.jpg&quot;,&quot;title&quot;:&quot;Tancaments d&#039;alumini i vidre en aquest conjunt residencial&quot;},{&quot;src&quot;:&quot;https:\\\/\\\/www.garciafaura.com\\\/wp-content\\\/uploads\\\/2019\\\/04\\\/Promocio-El-Masnou-06.jpg&quot;,&quot;title&quot;:&quot;Tancaments d&#039;alumini i vidre en aquest conjunt residencial&quot;},{&quot;src&quot;:&quot;https:\\\/\\\/www.garciafaura.com\\\/wp-content\\\/uploads\\\/2019\\\/04\\\/Promocio-El-Masnou-05.jpg&quot;,&quot;title&quot;:&quot;Tancaments d&#039;alumini i vidre en aquest conjunt residencial&quot;},{&quot;src&quot;:&quot;https:\\\/\\\/www.garciafaura.com\\\/wp-content\\\/uploads\\\/2019\\\/04\\\/Promocio-El-Masnou-04.jpg&quot;,&quot;title&quot;:&quot;Tancaments d&#039;alumini i vidre en aquest conjunt residencial&quot;},{&quot;src&quot;:&quot;https:\\\/\\\/www.garciafaura.com\\\/wp-content\\\/uploads\\\/2019\\\/04\\\/Promocio-El-Masnou-03.jpg&quot;,&quot;title&quot;:&quot;Tancaments d&#039;alumini i vidre en aquest conjunt residencial&quot;},{&quot;src&quot;:&quot;https:\\\/\\\/www.garciafaura.com\\\/wp-content\\\/uploads\\\/2019\\\/04\\\/Promocio-El-Masnou-02.jpg&quot;,&quot;title&quot;:&quot;Tancaments d&#039;alumini i vidre en aquest conjunt residencial&quot;}]\"><img loading=\"lazy\" decoding=\"async\" data-no-lazy=\"1\" class=\"portfolio-entry-img skip-lazy\" src=\"https:\/\/www.garciafaura.com\/wp-content\/uploads\/2019\/04\/Promocio-El-Masnou-08-600x314.jpg\" alt=\"Tancaments D'alumini I Vidre En Aquest Conjunt Residencial\" data-no-retina width=\"600\" height=\"314\" \/><\/a><\/div><div class=\"portfolio-entry-details entry-details wpex-clr\"><h2 class=\"portfolio-entry-title entry-title\"><a href=\"https:\/\/www.garciafaura.com\/es\/portfolio-item\/promocion-el-masnou\/\" title=\"Promoci\u00f3n El Masnou\">Promoci\u00f3n El Masnou<\/a><\/h2><div class=\"portfolio-entry-categories entry-categories wpex-clr\"><a href=\"https:\/\/www.garciafaura.com\/es\/portfolio-category\/conjuntos-residenciales\/\" class=\"term-46\">Conjuntos residenciales<\/a><\/div><\/div><\/div><\/div><div class=\"portfolio-entry vcex-grid-item entry-has-details span_1_of_3 col col-2 vcex-isotope-entry vcex-no-margin-entry post-18491 entry type-portfolio has-media cat-46 translation_priority-6\"><div class=\"portfolio-entry-inner entry-inner wpex-clr\"><div class=\"portfolio-entry-media entry-media wpex-clr\"><a href=\"https:\/\/www.garciafaura.com\/wp-content\/uploads\/2018\/11\/Promocio\u0301-Gava\u0300-Mar-01-1.jpg\" title=\"Promoci\u00f3n Gav\u00e0 Mar\" class=\"portfolio-entry-media-link wpex-lightbox-gallery\" data-gallery=\"[{&quot;src&quot;:&quot;https:\\\/\\\/www.garciafaura.com\\\/wp-content\\\/uploads\\\/2018\\\/11\\\/Promocio\\u0301-Gava\\u0300-Mar-01.jpg&quot;},{&quot;src&quot;:&quot;https:\\\/\\\/www.garciafaura.com\\\/wp-content\\\/uploads\\\/2018\\\/11\\\/Promocio\\u0301-Gava\\u0300-Mar-03.jpg&quot;,&quot;title&quot;:&quot;Cerramientos interiores y exteriores del conjunto de viviendas del nuevo barrio Central Mar&quot;},{&quot;src&quot;:&quot;https:\\\/\\\/www.garciafaura.com\\\/wp-content\\\/uploads\\\/2018\\\/11\\\/Promocio\\u0301-Gava\\u0300-Mar-02.jpg&quot;,&quot;title&quot;:&quot;Cerramientos interiores y exteriores del conjunto de viviendas del nuevo barrio Central Mar&quot;}]\"><img loading=\"lazy\" decoding=\"async\" data-no-lazy=\"1\" class=\"portfolio-entry-img skip-lazy\" src=\"https:\/\/www.garciafaura.com\/wp-content\/uploads\/2018\/11\/Promocio\u0301-Gava\u0300-Mar-01-1-600x314.jpg\" alt=\"Cerramientos Interiores Y Exteriores Del Conjunto De Viviendas Del Nuevo Barrio Central Mar\" data-no-retina width=\"600\" height=\"314\" \/><\/a><\/div><div class=\"portfolio-entry-details entry-details wpex-clr\"><h2 class=\"portfolio-entry-title entry-title\"><a href=\"https:\/\/www.garciafaura.com\/es\/portfolio-item\/promocion-gava-mar\/\" title=\"Promoci\u00f3n Gav\u00e0 Mar\">Promoci\u00f3n Gav\u00e0 Mar<\/a><\/h2><div class=\"portfolio-entry-categories entry-categories wpex-clr\"><a href=\"https:\/\/www.garciafaura.com\/es\/portfolio-category\/conjuntos-residenciales\/\" class=\"term-46\">Conjuntos residenciales<\/a><\/div><\/div><\/div><\/div><div class=\"portfolio-entry vcex-grid-item entry-has-details span_1_of_3 col col-3 vcex-isotope-entry vcex-no-margin-entry post-18480 entry type-portfolio has-media cat-46 translation_priority-6\"><div class=\"portfolio-entry-inner entry-inner wpex-clr\"><div class=\"portfolio-entry-media entry-media wpex-clr\"><a href=\"https:\/\/www.garciafaura.com\/wp-content\/uploads\/2018\/12\/Promocio\u0301-Can-Mercader-Cornella\u0300-01.jpg\" title=\"Promoci\u00f3n Can Mercader\" class=\"portfolio-entry-media-link wpex-lightbox-gallery\" data-gallery=\"[{&quot;src&quot;:&quot;https:\\\/\\\/www.garciafaura.com\\\/wp-content\\\/uploads\\\/2018\\\/12\\\/Promocio\\u0301-Can-Mercader-Cornella\\u0300-01.jpg&quot;,&quot;title&quot;:&quot;Cerramientos de aluminio y vidrio para promoci\\u00f3n en Cornell\\u00e0 de Llobregat&quot;},{&quot;src&quot;:&quot;https:\\\/\\\/www.garciafaura.com\\\/wp-content\\\/uploads\\\/2018\\\/12\\\/Promocio\\u0301-Can-Mercader-Cornella\\u0300-09.jpg&quot;,&quot;title&quot;:&quot;Cerramientos de aluminio y vidrio para promoci\\u00f3n en Cornell\\u00e0 de Llobregat&quot;},{&quot;src&quot;:&quot;https:\\\/\\\/www.garciafaura.com\\\/wp-content\\\/uploads\\\/2018\\\/12\\\/Promocio\\u0301-Can-Mercader-Cornella\\u0300-08.jpg&quot;,&quot;title&quot;:&quot;Cerramientos de aluminio y vidrio para promoci\\u00f3n en Cornell\\u00e0 de Llobregat&quot;},{&quot;src&quot;:&quot;https:\\\/\\\/www.garciafaura.com\\\/wp-content\\\/uploads\\\/2018\\\/12\\\/Promocio\\u0301-Can-Mercader-Cornella\\u0300-07.jpg&quot;,&quot;title&quot;:&quot;Cerramientos de aluminio y vidrio para promoci\\u00f3n en Cornell\\u00e0 de Llobregat&quot;},{&quot;src&quot;:&quot;https:\\\/\\\/www.garciafaura.com\\\/wp-content\\\/uploads\\\/2018\\\/12\\\/Promocio\\u0301-Can-Mercader-Cornella\\u0300-06.jpg&quot;,&quot;title&quot;:&quot;Cerramientos de aluminio y vidrio para promoci\\u00f3n en Cornell\\u00e0 de Llobregat&quot;},{&quot;src&quot;:&quot;https:\\\/\\\/www.garciafaura.com\\\/wp-content\\\/uploads\\\/2018\\\/12\\\/Promocio\\u0301-Can-Mercader-Cornella\\u0300-05.jpg&quot;,&quot;title&quot;:&quot;Cerramientos de aluminio y vidrio para promoci\\u00f3n en Cornell\\u00e0 de Llobregat&quot;},{&quot;src&quot;:&quot;https:\\\/\\\/www.garciafaura.com\\\/wp-content\\\/uploads\\\/2018\\\/12\\\/Promocio\\u0301-Can-Mercader-Cornella\\u0300-04.jpg&quot;,&quot;title&quot;:&quot;Cerramientos de aluminio y vidrio para promoci\\u00f3n en Cornell\\u00e0 de Llobregat&quot;},{&quot;src&quot;:&quot;https:\\\/\\\/www.garciafaura.com\\\/wp-content\\\/uploads\\\/2018\\\/12\\\/Promocio\\u0301-Can-Mercader-Cornella\\u0300-03.jpg&quot;,&quot;title&quot;:&quot;Cerramientos de aluminio y vidrio para promoci\\u00f3n en Cornell\\u00e0 de Llobregat&quot;},{&quot;src&quot;:&quot;https:\\\/\\\/www.garciafaura.com\\\/wp-content\\\/uploads\\\/2018\\\/12\\\/Promocio\\u0301-Can-Mercader-Cornella\\u0300-02.jpg&quot;,&quot;title&quot;:&quot;Cerramientos de aluminio y vidrio para promoci\\u00f3n en Cornell\\u00e0 de Llobregat&quot;}]\"><img loading=\"lazy\" decoding=\"async\" data-no-lazy=\"1\" class=\"portfolio-entry-img skip-lazy\" src=\"https:\/\/www.garciafaura.com\/wp-content\/uploads\/2018\/12\/Promocio\u0301-Can-Mercader-Cornella\u0300-01-600x314.jpg\" alt=\"Cerramientos De Aluminio Y Vidrio Para Promoci\u00f3n En Cornell\u00e0 De Llobregat\" data-no-retina width=\"600\" height=\"314\" \/><\/a><\/div><div class=\"portfolio-entry-details entry-details wpex-clr\"><h2 class=\"portfolio-entry-title entry-title\"><a href=\"https:\/\/www.garciafaura.com\/es\/portfolio-item\/promocion-can-mercader\/\" title=\"Promoci\u00f3n Can Mercader\">Promoci\u00f3n Can Mercader<\/a><\/h2><div class=\"portfolio-entry-categories entry-categories wpex-clr\"><a href=\"https:\/\/www.garciafaura.com\/es\/portfolio-category\/conjuntos-residenciales\/\" class=\"term-46\">Conjuntos residenciales<\/a><\/div><\/div><\/div><\/div><div class=\"portfolio-entry vcex-grid-item entry-has-details span_1_of_3 col col-1 vcex-isotope-entry vcex-no-margin-entry post-18477 entry type-portfolio has-media cat-46 translation_priority-6\"><div class=\"portfolio-entry-inner entry-inner wpex-clr\"><div class=\"portfolio-entry-media entry-media wpex-clr\"><a href=\"https:\/\/www.garciafaura.com\/wp-content\/uploads\/2018\/12\/Promocio\u0301-Santiga-Ripollet-01.jpg\" title=\"Promoci\u00f3n Santiga\" class=\"portfolio-entry-media-link wpex-lightbox-gallery\" data-gallery=\"[{&quot;src&quot;:&quot;https:\\\/\\\/www.garciafaura.com\\\/wp-content\\\/uploads\\\/2018\\\/12\\\/Promocio\\u0301-Santiga-Ripollet-01.jpg&quot;,&quot;title&quot;:&quot;Cerramientos de aluminio y vidrio en esta promoci\\u00f3n residencial en Ripollet&quot;},{&quot;src&quot;:&quot;https:\\\/\\\/www.garciafaura.com\\\/wp-content\\\/uploads\\\/2018\\\/12\\\/Promocio\\u0301-Santiga-Ripollet-08.jpg&quot;,&quot;title&quot;:&quot;Cerramientos de aluminio y vidrio en esta promoci\\u00f3n residencial en Ripollet&quot;},{&quot;src&quot;:&quot;https:\\\/\\\/www.garciafaura.com\\\/wp-content\\\/uploads\\\/2018\\\/12\\\/Promocio\\u0301-Santiga-Ripollet-07.jpg&quot;,&quot;title&quot;:&quot;Cerramientos de aluminio y vidrio en esta promoci\\u00f3n residencial en Ripollet&quot;},{&quot;src&quot;:&quot;https:\\\/\\\/www.garciafaura.com\\\/wp-content\\\/uploads\\\/2018\\\/12\\\/Promocio\\u0301-Santiga-Ripollet-06.jpg&quot;,&quot;title&quot;:&quot;Cerramientos de aluminio y vidrio en esta promoci\\u00f3n residencial en Ripollet&quot;},{&quot;src&quot;:&quot;https:\\\/\\\/www.garciafaura.com\\\/wp-content\\\/uploads\\\/2018\\\/12\\\/Promocio\\u0301-Santiga-Ripollet-05.jpg&quot;,&quot;title&quot;:&quot;Cerramientos de aluminio y vidrio en esta promoci\\u00f3n residencial en Ripollet&quot;},{&quot;src&quot;:&quot;https:\\\/\\\/www.garciafaura.com\\\/wp-content\\\/uploads\\\/2018\\\/12\\\/Promocio\\u0301-Santiga-Ripollet-04.jpg&quot;,&quot;title&quot;:&quot;Cerramientos de aluminio y vidrio en esta promoci\\u00f3n residencial en Ripollet&quot;},{&quot;src&quot;:&quot;https:\\\/\\\/www.garciafaura.com\\\/wp-content\\\/uploads\\\/2018\\\/12\\\/Promocio\\u0301-Santiga-Ripollet-03.jpg&quot;,&quot;title&quot;:&quot;Cerramientos de aluminio y vidrio en esta promoci\\u00f3n residencial en Ripollet&quot;},{&quot;src&quot;:&quot;https:\\\/\\\/www.garciafaura.com\\\/wp-content\\\/uploads\\\/2018\\\/12\\\/Promocio\\u0301-Santiga-Ripollet-02.jpg&quot;,&quot;title&quot;:&quot;Cerramientos de aluminio y vidrio en esta promoci\\u00f3n residencial en Ripollet&quot;}]\"><img loading=\"lazy\" decoding=\"async\" data-no-lazy=\"1\" class=\"portfolio-entry-img skip-lazy\" src=\"https:\/\/www.garciafaura.com\/wp-content\/uploads\/2018\/12\/Promocio\u0301-Santiga-Ripollet-01-600x314.jpg\" alt=\"Cerramientos De Aluminio Y Vidrio En Esta Promoci\u00f3n Residencial En Ripollet\" data-no-retina width=\"600\" height=\"314\" \/><\/a><\/div><div class=\"portfolio-entry-details entry-details wpex-clr\"><h2 class=\"portfolio-entry-title entry-title\"><a href=\"https:\/\/www.garciafaura.com\/es\/portfolio-item\/promocion-santiga\/\" title=\"Promoci\u00f3n Santiga\">Promoci\u00f3n Santiga<\/a><\/h2><div class=\"portfolio-entry-categories entry-categories wpex-clr\"><a href=\"https:\/\/www.garciafaura.com\/es\/portfolio-category\/conjuntos-residenciales\/\" class=\"term-46\">Conjuntos residenciales<\/a><\/div><\/div><\/div><\/div><div class=\"portfolio-entry vcex-grid-item entry-has-details span_1_of_3 col col-2 vcex-isotope-entry vcex-no-margin-entry post-18471 entry type-portfolio has-media cat-46 translation_priority-6\"><div class=\"portfolio-entry-inner entry-inner wpex-clr\"><div class=\"portfolio-entry-media entry-media wpex-clr\"><a href=\"https:\/\/www.garciafaura.com\/wp-content\/uploads\/2018\/12\/Promocio\u0301-Lleo\u0301-Fontova-Cornella\u0300-01.jpg\" title=\"Promoci\u00f3n Lle\u00f3 Fontova\" class=\"portfolio-entry-media-link wpex-lightbox-gallery\" data-gallery=\"[{&quot;src&quot;:&quot;https:\\\/\\\/www.garciafaura.com\\\/wp-content\\\/uploads\\\/2018\\\/12\\\/Promocio\\u0301-Lleo\\u0301-Fontova-Cornella\\u0300-01.jpg&quot;,&quot;title&quot;:&quot;Cerramientos de aluminio y vidrio para promoci\\u00f3n en Cornell\\u00e0 de Llobregat&quot;},{&quot;src&quot;:&quot;https:\\\/\\\/www.garciafaura.com\\\/wp-content\\\/uploads\\\/2018\\\/12\\\/Promocio\\u0301-Lleo\\u0301-Fontova-Cornella\\u0300-09.jpg&quot;,&quot;title&quot;:&quot;Cerramientos de aluminio y vidrio para promoci\\u00f3n en Cornell\\u00e0 de Llobregat&quot;},{&quot;src&quot;:&quot;https:\\\/\\\/www.garciafaura.com\\\/wp-content\\\/uploads\\\/2018\\\/12\\\/Promocio\\u0301-Lleo\\u0301-Fontova-Cornella\\u0300-08.jpg&quot;,&quot;title&quot;:&quot;Cerramientos de aluminio y vidrio para promoci\\u00f3n en Cornell\\u00e0 de Llobregat&quot;},{&quot;src&quot;:&quot;https:\\\/\\\/www.garciafaura.com\\\/wp-content\\\/uploads\\\/2018\\\/12\\\/Promocio\\u0301-Lleo\\u0301-Fontova-Cornella\\u0300-07.jpg&quot;,&quot;title&quot;:&quot;Cerramientos de aluminio y vidrio para promoci\\u00f3n en Cornell\\u00e0 de Llobregat&quot;},{&quot;src&quot;:&quot;https:\\\/\\\/www.garciafaura.com\\\/wp-content\\\/uploads\\\/2018\\\/12\\\/Promocio\\u0301-Lleo\\u0301-Fontova-Cornella\\u0300-06.jpg&quot;,&quot;title&quot;:&quot;Cerramientos de aluminio y vidrio para promoci\\u00f3n en Cornell\\u00e0 de Llobregat&quot;},{&quot;src&quot;:&quot;https:\\\/\\\/www.garciafaura.com\\\/wp-content\\\/uploads\\\/2018\\\/12\\\/Promocio\\u0301-Lleo\\u0301-Fontova-Cornella\\u0300-05.jpg&quot;,&quot;title&quot;:&quot;Cerramientos de aluminio y vidrio para promoci\\u00f3n en Cornell\\u00e0 de Llobregat&quot;},{&quot;src&quot;:&quot;https:\\\/\\\/www.garciafaura.com\\\/wp-content\\\/uploads\\\/2018\\\/12\\\/Promocio\\u0301-Lleo\\u0301-Fontova-Cornella\\u0300-04.jpg&quot;,&quot;title&quot;:&quot;Cerramientos de aluminio y vidrio para promoci\\u00f3n en Cornell\\u00e0 de Llobregat&quot;},{&quot;src&quot;:&quot;https:\\\/\\\/www.garciafaura.com\\\/wp-content\\\/uploads\\\/2018\\\/12\\\/Promocio\\u0301-Lleo\\u0301-Fontova-Cornella\\u0300-03.jpg&quot;,&quot;title&quot;:&quot;Cerramientos de aluminio y vidrio para promoci\\u00f3n en Cornell\\u00e0 de Llobregat&quot;},{&quot;src&quot;:&quot;https:\\\/\\\/www.garciafaura.com\\\/wp-content\\\/uploads\\\/2018\\\/12\\\/Promocio\\u0301-Lleo\\u0301-Fontova-Cornella\\u0300-02.jpg&quot;,&quot;title&quot;:&quot;Cerramientos de aluminio y vidrio para promoci\\u00f3n en Cornell\\u00e0 de Llobregat&quot;}]\"><img loading=\"lazy\" decoding=\"async\" data-no-lazy=\"1\" class=\"portfolio-entry-img skip-lazy\" src=\"https:\/\/www.garciafaura.com\/wp-content\/uploads\/2018\/12\/Promocio\u0301-Lleo\u0301-Fontova-Cornella\u0300-01-600x314.jpg\" alt=\"Cerramientos De Aluminio Y Vidrio Para Promoci\u00f3n En Cornell\u00e0 De Llobregat\" data-no-retina width=\"600\" height=\"314\" \/><\/a><\/div><div class=\"portfolio-entry-details entry-details wpex-clr\"><h2 class=\"portfolio-entry-title entry-title\"><a href=\"https:\/\/www.garciafaura.com\/es\/portfolio-item\/promocion-lleo-fontova\/\" title=\"Promoci\u00f3n Lle\u00f3 Fontova\">Promoci\u00f3n Lle\u00f3 Fontova<\/a><\/h2><div class=\"portfolio-entry-categories entry-categories wpex-clr\"><a href=\"https:\/\/www.garciafaura.com\/es\/portfolio-category\/conjuntos-residenciales\/\" class=\"term-46\">Conjuntos residenciales<\/a><\/div><\/div><\/div><\/div><div class=\"portfolio-entry vcex-grid-item entry-has-details span_1_of_3 col col-3 vcex-isotope-entry vcex-no-margin-entry post-18465 entry type-portfolio has-media cat-46 translation_priority-6\"><div class=\"portfolio-entry-inner entry-inner wpex-clr\"><div class=\"portfolio-entry-media entry-media wpex-clr\"><a href=\"https:\/\/www.garciafaura.com\/wp-content\/uploads\/2018\/12\/Habitatge-dotacional-Sant-Cugat-01.jpg\" title=\"Vivienda dotacional Sant Cugat del Vall\u00e8s\" class=\"portfolio-entry-media-link wpex-lightbox-gallery\" data-gallery=\"[{&quot;src&quot;:&quot;https:\\\/\\\/www.garciafaura.com\\\/wp-content\\\/uploads\\\/2018\\\/12\\\/Habitatge-dotacional-Sant-Cugat-01.jpg&quot;,&quot;title&quot;:&quot;Cerramientos de aluminio y vidrio para 39 viviendas&quot;},{&quot;src&quot;:&quot;https:\\\/\\\/www.garciafaura.com\\\/wp-content\\\/uploads\\\/2018\\\/12\\\/Habitatge-dotacional-Sant-Cugat-06.jpg&quot;,&quot;title&quot;:&quot;Cerramientos de aluminio y vidrio para 39 viviendas&quot;},{&quot;src&quot;:&quot;https:\\\/\\\/www.garciafaura.com\\\/wp-content\\\/uploads\\\/2018\\\/12\\\/Habitatge-dotacional-Sant-Cugat-05.jpg&quot;,&quot;title&quot;:&quot;Cerramientos de aluminio y vidrio para 39 viviendas&quot;},{&quot;src&quot;:&quot;https:\\\/\\\/www.garciafaura.com\\\/wp-content\\\/uploads\\\/2018\\\/12\\\/Habitatge-dotacional-Sant-Cugat-04.jpg&quot;,&quot;title&quot;:&quot;Cerramientos de aluminio y vidrio para 39 viviendas&quot;},{&quot;src&quot;:&quot;https:\\\/\\\/www.garciafaura.com\\\/wp-content\\\/uploads\\\/2018\\\/12\\\/Habitatge-dotacional-Sant-Cugat-03.jpg&quot;,&quot;title&quot;:&quot;Cerramientos de aluminio y vidrio para 39 viviendas&quot;},{&quot;src&quot;:&quot;https:\\\/\\\/www.garciafaura.com\\\/wp-content\\\/uploads\\\/2018\\\/12\\\/Habitatge-dotacional-Sant-Cugat-02.jpg&quot;,&quot;title&quot;:&quot;Cerramientos de aluminio y vidrio para 39 viviendas&quot;}]\"><img loading=\"lazy\" decoding=\"async\" data-no-lazy=\"1\" class=\"portfolio-entry-img skip-lazy\" src=\"https:\/\/www.garciafaura.com\/wp-content\/uploads\/2018\/12\/Habitatge-dotacional-Sant-Cugat-01-600x314.jpg\" alt=\"Cerramientos De Aluminio Y Vidrio Para 39 Viviendas\" data-no-retina width=\"600\" height=\"314\" \/><\/a><\/div><div class=\"portfolio-entry-details entry-details wpex-clr\"><h2 class=\"portfolio-entry-title entry-title\"><a href=\"https:\/\/www.garciafaura.com\/es\/portfolio-item\/vivienda-dotacional-sant-cugat-del-valles\/\" title=\"Vivienda dotacional Sant Cugat del Vall\u00e8s\">Vivienda dotacional Sant Cugat del Vall\u00e8s<\/a><\/h2><div class=\"portfolio-entry-categories entry-categories wpex-clr\"><a href=\"https:\/\/www.garciafaura.com\/es\/portfolio-category\/conjuntos-residenciales\/\" class=\"term-46\">Conjuntos residenciales<\/a><\/div><\/div><\/div><\/div><div class=\"portfolio-entry vcex-grid-item entry-has-details span_1_of_3 col col-1 vcex-isotope-entry vcex-no-margin-entry post-18462 entry type-portfolio has-media cat-46 translation_priority-6\"><div class=\"portfolio-entry-inner entry-inner wpex-clr\"><div class=\"portfolio-entry-media entry-media wpex-clr\"><a href=\"https:\/\/www.garciafaura.com\/wp-content\/uploads\/2018\/12\/Promocio\u0301-Sant-Feliu-Pai\u0308sos-Catalans-04.jpg\" title=\"Promoci\u00f3n Pa\u00efsos Catalans Sant Feliu\" class=\"portfolio-entry-media-link wpex-lightbox-gallery\" data-gallery=\"[{&quot;src&quot;:&quot;https:\\\/\\\/www.garciafaura.com\\\/wp-content\\\/uploads\\\/2018\\\/12\\\/Promocio\\u0301-Sant-Feliu-Pai\\u0308sos-Catalans-01.jpg&quot;,&quot;title&quot;:&quot;Cerramientos para 51 viviendas en Sant Feliu de Llobregat&quot;},{&quot;src&quot;:&quot;https:\\\/\\\/www.garciafaura.com\\\/wp-content\\\/uploads\\\/2018\\\/12\\\/Promocio\\u0301-Sant-Feliu-Pai\\u0308sos-Catalans-06.jpg&quot;,&quot;title&quot;:&quot;Cerramientos para 51 viviendas en Sant Feliu de Llobregat&quot;},{&quot;src&quot;:&quot;https:\\\/\\\/www.garciafaura.com\\\/wp-content\\\/uploads\\\/2018\\\/12\\\/Promocio\\u0301-Sant-Feliu-Pai\\u0308sos-Catalans-05.jpg&quot;,&quot;title&quot;:&quot;Cerramientos para 51 viviendas en Sant Feliu de Llobregat&quot;},{&quot;src&quot;:&quot;https:\\\/\\\/www.garciafaura.com\\\/wp-content\\\/uploads\\\/2018\\\/12\\\/Promocio\\u0301-Sant-Feliu-Pai\\u0308sos-Catalans-04.jpg&quot;,&quot;title&quot;:&quot;Cerramientos para 51 viviendas en Sant Feliu de Llobregat&quot;},{&quot;src&quot;:&quot;https:\\\/\\\/www.garciafaura.com\\\/wp-content\\\/uploads\\\/2018\\\/12\\\/Promocio\\u0301-Sant-Feliu-Pai\\u0308sos-Catalans-03.jpg&quot;,&quot;title&quot;:&quot;Cerramientos para 51 viviendas en Sant Feliu de Llobregat&quot;},{&quot;src&quot;:&quot;https:\\\/\\\/www.garciafaura.com\\\/wp-content\\\/uploads\\\/2018\\\/12\\\/Promocio\\u0301-Sant-Feliu-Pai\\u0308sos-Catalans-02.jpg&quot;,&quot;title&quot;:&quot;Cerramientos para 51 viviendas en Sant Feliu de Llobregat&quot;}]\"><img loading=\"lazy\" decoding=\"async\" data-no-lazy=\"1\" class=\"portfolio-entry-img skip-lazy\" src=\"https:\/\/www.garciafaura.com\/wp-content\/uploads\/2018\/12\/Promocio\u0301-Sant-Feliu-Pai\u0308sos-Catalans-04-600x314.jpg\" alt=\"Cerramientos Para 51 Viviendas En Sant Feliu De Llobregat\" data-no-retina width=\"600\" height=\"314\" \/><\/a><\/div><div class=\"portfolio-entry-details entry-details wpex-clr\"><h2 class=\"portfolio-entry-title entry-title\"><a href=\"https:\/\/www.garciafaura.com\/es\/portfolio-item\/promocion-paisos-catalans-sant-feliu\/\" title=\"Promoci\u00f3n Pa\u00efsos Catalans Sant Feliu\">Promoci\u00f3n Pa\u00efsos Catalans Sant Feliu<\/a><\/h2><div class=\"portfolio-entry-categories entry-categories wpex-clr\"><a href=\"https:\/\/www.garciafaura.com\/es\/portfolio-category\/conjuntos-residenciales\/\" class=\"term-46\">Conjuntos residenciales<\/a><\/div><\/div><\/div><\/div><div class=\"portfolio-entry vcex-grid-item entry-has-details span_1_of_3 col col-2 vcex-isotope-entry vcex-no-margin-entry post-18459 entry type-portfolio has-media cat-46 translation_priority-6\"><div class=\"portfolio-entry-inner entry-inner wpex-clr\"><div class=\"portfolio-entry-media entry-media wpex-clr\"><a href=\"https:\/\/www.garciafaura.com\/wp-content\/uploads\/2018\/12\/Promocio\u0301-Hospitalet-Prat-de-la-Riba-02.jpg\" title=\"Promoci\u00f3n Prat de la Riba L&#8217;Hospitalet\" class=\"portfolio-entry-media-link wpex-lightbox-gallery\" data-gallery=\"[{&quot;src&quot;:&quot;https:\\\/\\\/www.garciafaura.com\\\/wp-content\\\/uploads\\\/2018\\\/12\\\/Promocio\\u0301-Hospitalet-Prat-de-la-Riba-01.jpg&quot;,&quot;title&quot;:&quot;Cerramientos de aluminio y vidrio para promoci\\u00f3n residencial en L&#039;Hospitalet de Llobregat&quot;},{&quot;src&quot;:&quot;https:\\\/\\\/www.garciafaura.com\\\/wp-content\\\/uploads\\\/2018\\\/12\\\/Promocio\\u0301-Hospitalet-Prat-de-la-Riba-06.jpg&quot;,&quot;title&quot;:&quot;Cerramientos de aluminio y vidrio para promoci\\u00f3n residencial en L&#039;Hospitalet de Llobregat&quot;},{&quot;src&quot;:&quot;https:\\\/\\\/www.garciafaura.com\\\/wp-content\\\/uploads\\\/2018\\\/12\\\/Promocio\\u0301-Hospitalet-Prat-de-la-Riba-07.jpg&quot;,&quot;title&quot;:&quot;Cerramientos de aluminio y vidrio para promoci\\u00f3n residencial en L&#039;Hospitalet de Llobregat&quot;},{&quot;src&quot;:&quot;https:\\\/\\\/www.garciafaura.com\\\/wp-content\\\/uploads\\\/2018\\\/12\\\/Promocio\\u0301-Hospitalet-Prat-de-la-Riba-05.jpg&quot;,&quot;title&quot;:&quot;Cerramientos de aluminio y vidrio para promoci\\u00f3n residencial en L&#039;Hospitalet de Llobregat&quot;},{&quot;src&quot;:&quot;https:\\\/\\\/www.garciafaura.com\\\/wp-content\\\/uploads\\\/2018\\\/12\\\/Promocio\\u0301-Hospitalet-Prat-de-la-Riba-04.jpg&quot;,&quot;title&quot;:&quot;Cerramientos de aluminio y vidrio para promoci\\u00f3n residencial en L&#039;Hospitalet de Llobregat&quot;},{&quot;src&quot;:&quot;https:\\\/\\\/www.garciafaura.com\\\/wp-content\\\/uploads\\\/2018\\\/12\\\/Promocio\\u0301-Hospitalet-Prat-de-la-Riba-03.jpg&quot;,&quot;title&quot;:&quot;Cerramientos de aluminio y vidrio para promoci\\u00f3n residencial en L&#039;Hospitalet de Llobregat&quot;},{&quot;src&quot;:&quot;https:\\\/\\\/www.garciafaura.com\\\/wp-content\\\/uploads\\\/2018\\\/12\\\/Promocio\\u0301-Hospitalet-Prat-de-la-Riba-02.jpg&quot;,&quot;title&quot;:&quot;Cerramientos de aluminio y vidrio para promoci\\u00f3n residencial en L&#039;Hospitalet de Llobregat&quot;}]\"><img loading=\"lazy\" decoding=\"async\" data-no-lazy=\"1\" class=\"portfolio-entry-img skip-lazy\" src=\"https:\/\/www.garciafaura.com\/wp-content\/uploads\/2018\/12\/Promocio\u0301-Hospitalet-Prat-de-la-Riba-02-600x314.jpg\" alt=\"Cerramientos De Aluminio Y Vidrio Para Promoci\u00f3n Residencial En L'Hospitalet De Llobregat\" data-no-retina width=\"600\" height=\"314\" \/><\/a><\/div><div class=\"portfolio-entry-details entry-details wpex-clr\"><h2 class=\"portfolio-entry-title entry-title\"><a href=\"https:\/\/www.garciafaura.com\/es\/portfolio-item\/promocion-prat-de-la-riba-lhospitalet\/\" title=\"Promoci\u00f3n Prat de la Riba L&#8217;Hospitalet\">Promoci\u00f3n Prat de la Riba L&#8217;Hospitalet<\/a><\/h2><div class=\"portfolio-entry-categories entry-categories wpex-clr\"><a href=\"https:\/\/www.garciafaura.com\/es\/portfolio-category\/conjuntos-residenciales\/\" class=\"term-46\">Conjuntos residenciales<\/a><\/div><\/div><\/div><\/div><div class=\"portfolio-entry vcex-grid-item entry-has-details span_1_of_3 col col-3 vcex-isotope-entry vcex-no-margin-entry post-18456 entry type-portfolio has-media cat-46 translation_priority-6\"><div class=\"portfolio-entry-inner entry-inner wpex-clr\"><div class=\"portfolio-entry-media entry-media wpex-clr\"><a href=\"https:\/\/www.garciafaura.com\/wp-content\/uploads\/2018\/12\/Promocio\u0301-Cornella\u0300-Ctra-Esplugues-08.jpg\" title=\"Promoci\u00f3n Carretera de Esplugues\" class=\"portfolio-entry-media-link wpex-lightbox-gallery\" data-gallery=\"[{&quot;src&quot;:&quot;https:\\\/\\\/www.garciafaura.com\\\/wp-content\\\/uploads\\\/2018\\\/12\\\/Promocio\\u0301-Cornella\\u0300-Ctra-Esplugues-01.jpg&quot;,&quot;title&quot;:&quot;Cerramientos de aluminio y vidrio para promoci\\u00f3n residencial en Cornell\\u00e0 de Llobregat&quot;},{&quot;src&quot;:&quot;https:\\\/\\\/www.garciafaura.com\\\/wp-content\\\/uploads\\\/2018\\\/12\\\/Promocio\\u0301-Cornella\\u0300-Ctra-Esplugues-08.jpg&quot;,&quot;title&quot;:&quot;Cerramientos de aluminio y vidrio para promoci\\u00f3n residencial en Cornell\\u00e0 de Llobregat&quot;},{&quot;src&quot;:&quot;https:\\\/\\\/www.garciafaura.com\\\/wp-content\\\/uploads\\\/2018\\\/12\\\/Promocio\\u0301-Cornella\\u0300-Ctra-Esplugues-07.jpg&quot;,&quot;title&quot;:&quot;Cerramientos de aluminio y vidrio para promoci\\u00f3n residencial en Cornell\\u00e0 de Llobregat&quot;},{&quot;src&quot;:&quot;https:\\\/\\\/www.garciafaura.com\\\/wp-content\\\/uploads\\\/2018\\\/12\\\/Promocio\\u0301-Cornella\\u0300-Ctra-Esplugues-06.jpg&quot;,&quot;title&quot;:&quot;Cerramientos de aluminio y vidrio para promoci\\u00f3n residencial en Cornell\\u00e0 de Llobregat&quot;},{&quot;src&quot;:&quot;https:\\\/\\\/www.garciafaura.com\\\/wp-content\\\/uploads\\\/2018\\\/12\\\/Promocio\\u0301-Cornella\\u0300-Ctra-Esplugues-05.jpg&quot;,&quot;title&quot;:&quot;Cerramientos de aluminio y vidrio para promoci\\u00f3n residencial en Cornell\\u00e0 de Llobregat&quot;},{&quot;src&quot;:&quot;https:\\\/\\\/www.garciafaura.com\\\/wp-content\\\/uploads\\\/2018\\\/12\\\/Promocio\\u0301-Cornella\\u0300-Ctra-Esplugues-04.jpg&quot;,&quot;title&quot;:&quot;Cerramientos de aluminio y vidrio para promoci\\u00f3n residencial en Cornell\\u00e0 de Llobregat&quot;},{&quot;src&quot;:&quot;https:\\\/\\\/www.garciafaura.com\\\/wp-content\\\/uploads\\\/2018\\\/12\\\/Promocio\\u0301-Cornella\\u0300-Ctra-Esplugues-03.jpg&quot;,&quot;title&quot;:&quot;Cerramientos de aluminio y vidrio para promoci\\u00f3n residencial en Cornell\\u00e0 de Llobregat&quot;},{&quot;src&quot;:&quot;https:\\\/\\\/www.garciafaura.com\\\/wp-content\\\/uploads\\\/2018\\\/12\\\/Promocio\\u0301-Cornella\\u0300-Ctra-Esplugues-02.jpg&quot;,&quot;title&quot;:&quot;Cerramientos de aluminio y vidrio para promoci\\u00f3n residencial en Cornell\\u00e0 de Llobregat&quot;}]\"><img loading=\"lazy\" decoding=\"async\" data-no-lazy=\"1\" class=\"portfolio-entry-img skip-lazy\" src=\"https:\/\/www.garciafaura.com\/wp-content\/uploads\/2018\/12\/Promocio\u0301-Cornella\u0300-Ctra-Esplugues-08-600x314.jpg\" alt=\"Cerramientos De Aluminio Y Vidrio Para Promoci\u00f3n Residencial En Cornell\u00e0 De Llobregat\" data-no-retina width=\"600\" height=\"314\" \/><\/a><\/div><div class=\"portfolio-entry-details entry-details wpex-clr\"><h2 class=\"portfolio-entry-title entry-title\"><a href=\"https:\/\/www.garciafaura.com\/es\/portfolio-item\/promocion-carretera-de-esplugues\/\" title=\"Promoci\u00f3n Carretera de Esplugues\">Promoci\u00f3n Carretera de Esplugues<\/a><\/h2><div class=\"portfolio-entry-categories entry-categories wpex-clr\"><a href=\"https:\/\/www.garciafaura.com\/es\/portfolio-category\/conjuntos-residenciales\/\" class=\"term-46\">Conjuntos residenciales<\/a><\/div><\/div><\/div><\/div><div class=\"portfolio-entry vcex-grid-item entry-has-details span_1_of_3 col col-1 vcex-isotope-entry vcex-no-margin-entry post-18447 entry type-portfolio has-media cat-46 translation_priority-6\"><div class=\"portfolio-entry-inner entry-inner wpex-clr\"><div class=\"portfolio-entry-media entry-media wpex-clr\"><a href=\"https:\/\/www.garciafaura.com\/wp-content\/uploads\/2018\/12\/Promocio\u0301-Riera-Arenys-01.jpg\" title=\"Promoci\u00f3n Riera de Arenys de Mar\" class=\"portfolio-entry-media-link wpex-lightbox-gallery\" data-gallery=\"[{&quot;src&quot;:&quot;https:\\\/\\\/www.garciafaura.com\\\/wp-content\\\/uploads\\\/2018\\\/12\\\/Promocio\\u0301-Riera-Arenys-01.jpg&quot;,&quot;title&quot;:&quot;Cerramientos para promoci\\u00f3n de viviendas en Arenys de Mar&quot;},{&quot;src&quot;:&quot;https:\\\/\\\/www.garciafaura.com\\\/wp-content\\\/uploads\\\/2018\\\/12\\\/Promocio\\u0301-Riera-Arenys-07.jpg&quot;,&quot;title&quot;:&quot;Cerramientos para promoci\\u00f3n de viviendas en Arenys de Mar&quot;},{&quot;src&quot;:&quot;https:\\\/\\\/www.garciafaura.com\\\/wp-content\\\/uploads\\\/2018\\\/12\\\/Promocio\\u0301-Riera-Arenys-06.jpg&quot;,&quot;title&quot;:&quot;Cerramientos para promoci\\u00f3n de viviendas en Arenys de Mar&quot;},{&quot;src&quot;:&quot;https:\\\/\\\/www.garciafaura.com\\\/wp-content\\\/uploads\\\/2018\\\/12\\\/Promocio\\u0301-Riera-Arenys-05.jpg&quot;,&quot;title&quot;:&quot;Cerramientos para promoci\\u00f3n de viviendas en Arenys de Mar&quot;},{&quot;src&quot;:&quot;https:\\\/\\\/www.garciafaura.com\\\/wp-content\\\/uploads\\\/2018\\\/12\\\/Promocio\\u0301-Riera-Arenys-04.jpg&quot;,&quot;title&quot;:&quot;Cerramientos para promoci\\u00f3n de viviendas en Arenys de Mar&quot;},{&quot;src&quot;:&quot;https:\\\/\\\/www.garciafaura.com\\\/wp-content\\\/uploads\\\/2018\\\/12\\\/Promocio\\u0301-Riera-Arenys-03.jpg&quot;,&quot;title&quot;:&quot;Cerramientos para promoci\\u00f3n de viviendas en Arenys de Mar&quot;},{&quot;src&quot;:&quot;https:\\\/\\\/www.garciafaura.com\\\/wp-content\\\/uploads\\\/2018\\\/12\\\/Promocio\\u0301-Riera-Arenys-02.jpg&quot;,&quot;title&quot;:&quot;Cerramientos para promoci\\u00f3n de viviendas en Arenys de Mar&quot;}]\"><img loading=\"lazy\" decoding=\"async\" data-no-lazy=\"1\" class=\"portfolio-entry-img skip-lazy\" src=\"https:\/\/www.garciafaura.com\/wp-content\/uploads\/2018\/12\/Promocio\u0301-Riera-Arenys-01-600x314.jpg\" alt=\"Cerramientos Para Promoci\u00f3n De Viviendas En Arenys De Mar\" data-no-retina width=\"600\" height=\"314\" \/><\/a><\/div><div class=\"portfolio-entry-details entry-details wpex-clr\"><h2 class=\"portfolio-entry-title entry-title\"><a href=\"https:\/\/www.garciafaura.com\/es\/portfolio-item\/promocion-riera-de-arenys-de-mar\/\" title=\"Promoci\u00f3n Riera de Arenys de Mar\">Promoci\u00f3n Riera de Arenys de Mar<\/a><\/h2><div class=\"portfolio-entry-categories entry-categories wpex-clr\"><a href=\"https:\/\/www.garciafaura.com\/es\/portfolio-category\/conjuntos-residenciales\/\" class=\"term-46\">Conjuntos residenciales<\/a><\/div><\/div><\/div><\/div><div class=\"portfolio-entry vcex-grid-item entry-has-details span_1_of_3 col col-2 vcex-isotope-entry vcex-no-margin-entry post-18444 entry type-portfolio has-media cat-46 translation_priority-6\"><div class=\"portfolio-entry-inner entry-inner wpex-clr\"><div class=\"portfolio-entry-media entry-media wpex-clr\"><a href=\"https:\/\/www.garciafaura.com\/wp-content\/uploads\/2018\/12\/Promocio\u0301-Mataro\u0301-carrer-Viladomat-01.jpg\" title=\"Promoci\u00f3n Viladomat Matar\u00f3\" class=\"portfolio-entry-media-link wpex-lightbox-gallery\" data-gallery=\"[{&quot;src&quot;:&quot;https:\\\/\\\/www.garciafaura.com\\\/wp-content\\\/uploads\\\/2018\\\/12\\\/Promocio\\u0301-Mataro\\u0301-carrer-Viladomat-01.jpg&quot;,&quot;title&quot;:&quot;Promoci\\u00f3n Matar\\u00f3 calle Viladomat&quot;},{&quot;src&quot;:&quot;https:\\\/\\\/www.garciafaura.com\\\/wp-content\\\/uploads\\\/2018\\\/12\\\/Promocio\\u0301-Mataro\\u0301-carrer-Viladomat-07.jpg&quot;,&quot;title&quot;:&quot;Promoci\\u00f3n Matar\\u00f3 calle Viladomat&quot;},{&quot;src&quot;:&quot;https:\\\/\\\/www.garciafaura.com\\\/wp-content\\\/uploads\\\/2018\\\/12\\\/Promocio\\u0301-Mataro\\u0301-carrer-Viladomat-06.jpg&quot;,&quot;title&quot;:&quot;Promoci\\u00f3n Matar\\u00f3 calle Viladomat&quot;},{&quot;src&quot;:&quot;https:\\\/\\\/www.garciafaura.com\\\/wp-content\\\/uploads\\\/2018\\\/12\\\/Promocio\\u0301-Mataro\\u0301-carrer-Viladomat-05.jpg&quot;,&quot;title&quot;:&quot;Promoci\\u00f3n Matar\\u00f3 calle Viladomat&quot;},{&quot;src&quot;:&quot;https:\\\/\\\/www.garciafaura.com\\\/wp-content\\\/uploads\\\/2018\\\/12\\\/Promocio\\u0301-Mataro\\u0301-carrer-Viladomat-04.jpg&quot;,&quot;title&quot;:&quot;Promoci\\u00f3n Matar\\u00f3 calle Viladomat&quot;},{&quot;src&quot;:&quot;https:\\\/\\\/www.garciafaura.com\\\/wp-content\\\/uploads\\\/2018\\\/12\\\/Promocio\\u0301-Mataro\\u0301-carrer-Viladomat-03.jpg&quot;,&quot;title&quot;:&quot;Promoci\\u00f3n Matar\\u00f3 calle Viladomat&quot;},{&quot;src&quot;:&quot;https:\\\/\\\/www.garciafaura.com\\\/wp-content\\\/uploads\\\/2018\\\/12\\\/Promocio\\u0301-Mataro\\u0301-carrer-Viladomat-02.jpg&quot;,&quot;title&quot;:&quot;Promoci\\u00f3n Matar\\u00f3 calle Viladomat&quot;}]\"><img loading=\"lazy\" decoding=\"async\" data-no-lazy=\"1\" class=\"portfolio-entry-img skip-lazy\" src=\"https:\/\/www.garciafaura.com\/wp-content\/uploads\/2018\/12\/Promocio\u0301-Mataro\u0301-carrer-Viladomat-01-600x314.jpg\" alt=\"Promoci\u00f3n Matar\u00f3 Calle Viladomat\" data-no-retina width=\"600\" height=\"314\" \/><\/a><\/div><div class=\"portfolio-entry-details entry-details wpex-clr\"><h2 class=\"portfolio-entry-title entry-title\"><a href=\"https:\/\/www.garciafaura.com\/es\/portfolio-item\/promocion-viladomat-mataro\/\" title=\"Promoci\u00f3n Viladomat Matar\u00f3\">Promoci\u00f3n Viladomat Matar\u00f3<\/a><\/h2><div class=\"portfolio-entry-categories entry-categories wpex-clr\"><a href=\"https:\/\/www.garciafaura.com\/es\/portfolio-category\/conjuntos-residenciales\/\" class=\"term-46\">Conjuntos residenciales<\/a><\/div><\/div><\/div><\/div><div class=\"portfolio-entry vcex-grid-item entry-has-details span_1_of_3 col col-3 vcex-isotope-entry vcex-no-margin-entry post-18408 entry type-portfolio has-media cat-46 translation_priority-6\"><div class=\"portfolio-entry-inner entry-inner wpex-clr\"><div class=\"portfolio-entry-media entry-media wpex-clr\"><a href=\"https:\/\/www.garciafaura.com\/wp-content\/uploads\/2018\/11\/Promocio\u0301-Sant-Pere-Ribes-01.jpg\" title=\"Promoci\u00f3n Sant Pere de Ribes\" class=\"portfolio-entry-media-link wpex-lightbox-gallery\" data-gallery=\"[{&quot;src&quot;:&quot;https:\\\/\\\/www.garciafaura.com\\\/wp-content\\\/uploads\\\/2018\\\/11\\\/Promocio\\u0301-Sant-Pere-Ribes-01.jpg&quot;,&quot;title&quot;:&quot;Trabajos de carpinter\\u00eda de aluminio en promoci\\u00f3n de vivienda p\\u00fablica&quot;},{&quot;src&quot;:&quot;https:\\\/\\\/www.garciafaura.com\\\/wp-content\\\/uploads\\\/2018\\\/11\\\/Promocio\\u0301-Sant-Pere-Ribes-05.jpg&quot;,&quot;title&quot;:&quot;Trabajos de carpinter\\u00eda de aluminio en promoci\\u00f3n de vivienda p\\u00fablica&quot;},{&quot;src&quot;:&quot;https:\\\/\\\/www.garciafaura.com\\\/wp-content\\\/uploads\\\/2018\\\/11\\\/Promocio\\u0301-Sant-Pere-Ribes-04.jpg&quot;,&quot;title&quot;:&quot;Trabajos de carpinter\\u00eda de aluminio en promoci\\u00f3n de vivienda p\\u00fablica&quot;},{&quot;src&quot;:&quot;https:\\\/\\\/www.garciafaura.com\\\/wp-content\\\/uploads\\\/2018\\\/11\\\/Promocio\\u0301-Sant-Pere-Ribes-03.jpg&quot;,&quot;title&quot;:&quot;Trabajos de carpinter\\u00eda de aluminio en promoci\\u00f3n de vivienda p\\u00fablica&quot;},{&quot;src&quot;:&quot;https:\\\/\\\/www.garciafaura.com\\\/wp-content\\\/uploads\\\/2018\\\/11\\\/Promocio\\u0301-Sant-Pere-Ribes-02.jpg&quot;,&quot;title&quot;:&quot;Trabajos de carpinter\\u00eda de aluminio en promoci\\u00f3n de vivienda p\\u00fablica&quot;}]\"><img decoding=\"async\" data-no-lazy=\"1\" class=\"portfolio-entry-img skip-lazy\" src=\"https:\/\/www.garciafaura.com\/wp-content\/uploads\/2018\/11\/Promocio\u0301-Sant-Pere-Ribes-01-x.jpg\" alt=\"Trabajos De Carpinter\u00eda De Aluminio En Promoci\u00f3n De Vivienda P\u00fablica\" data-no-retina \/><\/a><\/div><div class=\"portfolio-entry-details entry-details wpex-clr\"><h2 class=\"portfolio-entry-title entry-title\"><a href=\"https:\/\/www.garciafaura.com\/es\/portfolio-item\/promocion-sant-pere-de-ribes\/\" title=\"Promoci\u00f3n Sant Pere de Ribes\">Promoci\u00f3n Sant Pere de Ribes<\/a><\/h2><div class=\"portfolio-entry-categories entry-categories wpex-clr\"><a href=\"https:\/\/www.garciafaura.com\/es\/portfolio-category\/conjuntos-residenciales\/\" class=\"term-46\">Conjuntos residenciales<\/a><\/div><\/div><\/div><\/div><div class=\"portfolio-entry vcex-grid-item entry-has-details span_1_of_3 col col-1 vcex-isotope-entry vcex-no-margin-entry post-18405 entry type-portfolio has-media cat-46 translation_priority-6\"><div class=\"portfolio-entry-inner entry-inner wpex-clr\"><div class=\"portfolio-entry-media entry-media wpex-clr\"><a href=\"https:\/\/www.garciafaura.com\/wp-content\/uploads\/2018\/11\/Urbanitzacio-Mas-Lluhi.jpg\" title=\"Urbanitzaci\u00f3n Mas Lluh\u00ed\" class=\"portfolio-entry-media-link wpex-lightbox-gallery\" data-gallery=\"[{&quot;src&quot;:&quot;https:\\\/\\\/www.garciafaura.com\\\/wp-content\\\/uploads\\\/2018\\\/11\\\/Urbanitzacio-Mas-Lluhi.jpg&quot;}]\"><img decoding=\"async\" data-no-lazy=\"1\" class=\"portfolio-entry-img skip-lazy\" src=\"https:\/\/www.garciafaura.com\/wp-content\/uploads\/2018\/11\/Urbanitzacio-Mas-Lluhi-x.jpg\" alt='' data-no-retina \/><\/a><\/div><div class=\"portfolio-entry-details entry-details wpex-clr\"><h2 class=\"portfolio-entry-title entry-title\"><a href=\"https:\/\/www.garciafaura.com\/es\/portfolio-item\/urbanitzacion-mas-lluhi\/\" title=\"Urbanitzaci\u00f3n Mas Lluh\u00ed\">Urbanitzaci\u00f3n Mas Lluh\u00ed<\/a><\/h2><div class=\"portfolio-entry-categories entry-categories wpex-clr\"><a href=\"https:\/\/www.garciafaura.com\/es\/portfolio-category\/conjuntos-residenciales\/\" class=\"term-46\">Conjuntos residenciales<\/a><\/div><\/div><\/div><\/div><div class=\"portfolio-entry vcex-grid-item entry-has-details span_1_of_3 col col-2 vcex-isotope-entry vcex-no-margin-entry post-18402 entry type-portfolio has-media cat-46 translation_priority-6\"><div class=\"portfolio-entry-inner entry-inner wpex-clr\"><div class=\"portfolio-entry-media entry-media wpex-clr\"><a href=\"https:\/\/www.garciafaura.com\/wp-content\/uploads\/2018\/11\/Promocio\u0301-Can-Bellet-01.jpg\" title=\"Promoci\u00f3n Can Bellet\" class=\"portfolio-entry-media-link wpex-lightbox-gallery\" data-gallery=\"[{&quot;src&quot;:&quot;https:\\\/\\\/www.garciafaura.com\\\/wp-content\\\/uploads\\\/2018\\\/11\\\/Promocio\\u0301-Can-Bellet-01.jpg&quot;,&quot;title&quot;:&quot;Cerramientos interiores y exteriores del conjunto de viviendas de este bloque residencial&quot;},{&quot;src&quot;:&quot;https:\\\/\\\/www.garciafaura.com\\\/wp-content\\\/uploads\\\/2018\\\/11\\\/Promocio\\u0301-Can-Bellet-03.jpg&quot;,&quot;title&quot;:&quot;Cerramientos interiores y exteriores del conjunto de viviendas de este bloque residencial&quot;},{&quot;src&quot;:&quot;https:\\\/\\\/www.garciafaura.com\\\/wp-content\\\/uploads\\\/2018\\\/11\\\/Promocio\\u0301-Can-Bellet-02.jpg&quot;,&quot;title&quot;:&quot;Cerramientos interiores y exteriores del conjunto de viviendas de este bloque residencial&quot;}]\"><img decoding=\"async\" data-no-lazy=\"1\" class=\"portfolio-entry-img skip-lazy\" src=\"https:\/\/www.garciafaura.com\/wp-content\/uploads\/2018\/11\/Promocio\u0301-Can-Bellet-01-x.jpg\" alt=\"Cerramientos Interiores Y Exteriores Del Conjunto De Viviendas De Este Bloque Residencial\" data-no-retina \/><\/a><\/div><div class=\"portfolio-entry-details entry-details wpex-clr\"><h2 class=\"portfolio-entry-title entry-title\"><a href=\"https:\/\/www.garciafaura.com\/es\/portfolio-item\/promocion-can-bellet\/\" title=\"Promoci\u00f3n Can Bellet\">Promoci\u00f3n Can Bellet<\/a><\/h2><div class=\"portfolio-entry-categories entry-categories wpex-clr\"><a href=\"https:\/\/www.garciafaura.com\/es\/portfolio-category\/conjuntos-residenciales\/\" class=\"term-46\">Conjuntos residenciales<\/a><\/div><\/div><\/div><\/div><div class=\"portfolio-entry vcex-grid-item entry-has-details span_1_of_3 col col-3 vcex-isotope-entry vcex-no-margin-entry post-18399 entry type-portfolio has-media cat-46 translation_priority-6\"><div class=\"portfolio-entry-inner entry-inner wpex-clr\"><div class=\"portfolio-entry-media entry-media wpex-clr\"><a href=\"https:\/\/www.garciafaura.com\/wp-content\/uploads\/2018\/11\/Residencial-Cunit-02.jpg\" title=\"Residencial Cunit\" class=\"portfolio-entry-media-link wpex-lightbox-gallery\" data-gallery=\"[{&quot;src&quot;:&quot;https:\\\/\\\/www.garciafaura.com\\\/wp-content\\\/uploads\\\/2018\\\/11\\\/Residencial-Cunit-01.jpg&quot;,&quot;title&quot;:&quot;Trabajos de carpinter\\u00eda de aluminio y vidrio en conjunto de viviendas plurifamiliares&quot;},{&quot;src&quot;:&quot;https:\\\/\\\/www.garciafaura.com\\\/wp-content\\\/uploads\\\/2018\\\/11\\\/Residencial-Cunit-06.jpg&quot;,&quot;title&quot;:&quot;Trabajos de carpinter\\u00eda de aluminio y vidrio en conjunto de viviendas plurifamiliares&quot;},{&quot;src&quot;:&quot;https:\\\/\\\/www.garciafaura.com\\\/wp-content\\\/uploads\\\/2018\\\/11\\\/Residencial-Cunit-05.jpg&quot;,&quot;title&quot;:&quot;Trabajos de carpinter\\u00eda de aluminio y vidrio en conjunto de viviendas plurifamiliares&quot;},{&quot;src&quot;:&quot;https:\\\/\\\/www.garciafaura.com\\\/wp-content\\\/uploads\\\/2018\\\/11\\\/Residencial-Cunit-04.jpg&quot;,&quot;title&quot;:&quot;Trabajos de carpinter\\u00eda de aluminio y vidrio en conjunto de viviendas plurifamiliares&quot;},{&quot;src&quot;:&quot;https:\\\/\\\/www.garciafaura.com\\\/wp-content\\\/uploads\\\/2018\\\/11\\\/Residencial-Cunit-03.jpg&quot;,&quot;title&quot;:&quot;Trabajos de carpinter\\u00eda de aluminio y vidrio en conjunto de viviendas plurifamiliares&quot;},{&quot;src&quot;:&quot;https:\\\/\\\/www.garciafaura.com\\\/wp-content\\\/uploads\\\/2018\\\/11\\\/Residencial-Cunit-02.jpg&quot;,&quot;title&quot;:&quot;Trabajos de carpinter\\u00eda de aluminio y vidrio en conjunto de viviendas plurifamiliares&quot;}]\"><img decoding=\"async\" data-no-lazy=\"1\" class=\"portfolio-entry-img skip-lazy\" src=\"https:\/\/www.garciafaura.com\/wp-content\/uploads\/2018\/11\/Residencial-Cunit-02-x.jpg\" alt=\"Trabajos De Carpinter\u00eda De Aluminio Y Vidrio En Conjunto De Viviendas Plurifamiliares\" data-no-retina \/><\/a><\/div><div class=\"portfolio-entry-details entry-details wpex-clr\"><h2 class=\"portfolio-entry-title entry-title\"><a href=\"https:\/\/www.garciafaura.com\/es\/portfolio-item\/residencial-cunit\/\" title=\"Residencial Cunit\">Residencial Cunit<\/a><\/h2><div class=\"portfolio-entry-categories entry-categories wpex-clr\"><a href=\"https:\/\/www.garciafaura.com\/es\/portfolio-category\/conjuntos-residenciales\/\" class=\"term-46\">Conjuntos residenciales<\/a><\/div><\/div><\/div><\/div><div class=\"portfolio-entry vcex-grid-item entry-has-details span_1_of_3 col col-1 vcex-isotope-entry vcex-no-margin-entry post-18393 entry type-portfolio has-media cat-46 cat-60 translation_priority-6\"><div class=\"portfolio-entry-inner entry-inner wpex-clr\"><div class=\"portfolio-entry-media entry-media wpex-clr\"><a href=\"https:\/\/www.garciafaura.com\/wp-content\/uploads\/2018\/11\/Promocio\u0301-Sant-Fost-01-0.jpg\" title=\"Promoci\u00f3n Sant Fost\" class=\"portfolio-entry-media-link wpex-lightbox-gallery\" data-gallery=\"[{&quot;src&quot;:&quot;https:\\\/\\\/www.garciafaura.com\\\/wp-content\\\/uploads\\\/2018\\\/11\\\/Promocio\\u0301-Sant-Fost-01-1.jpg&quot;,&quot;title&quot;:&quot;Conjunto de cerramientos de aluminio y vidrio en barrio de nueva creaci\\u00f3n&quot;},{&quot;src&quot;:&quot;https:\\\/\\\/www.garciafaura.com\\\/wp-content\\\/uploads\\\/2018\\\/11\\\/Promocio\\u0301-Sant-Fost-01-0.jpg&quot;},{&quot;src&quot;:&quot;https:\\\/\\\/www.garciafaura.com\\\/wp-content\\\/uploads\\\/2018\\\/11\\\/Promocio\\u0301-Sant-Fost-05-1.jpg&quot;,&quot;title&quot;:&quot;Conjunto de cerramientos de aluminio y vidrio en barrio de nueva creaci\\u00f3n&quot;},{&quot;src&quot;:&quot;https:\\\/\\\/www.garciafaura.com\\\/wp-content\\\/uploads\\\/2018\\\/11\\\/Promocio\\u0301-Sant-Fost-04-1.jpg&quot;,&quot;title&quot;:&quot;Conjunto de cerramientos de aluminio y vidrio en barrio de nueva creaci\\u00f3n&quot;},{&quot;src&quot;:&quot;https:\\\/\\\/www.garciafaura.com\\\/wp-content\\\/uploads\\\/2018\\\/11\\\/Promocio\\u0301-Sant-Fost-03-1.jpg&quot;,&quot;title&quot;:&quot;Conjunto de cerramientos de aluminio y vidrio en barrio de nueva creaci\\u00f3n&quot;},{&quot;src&quot;:&quot;https:\\\/\\\/www.garciafaura.com\\\/wp-content\\\/uploads\\\/2018\\\/11\\\/Promocio\\u0301-Sant-Fost-02-1.jpg&quot;,&quot;title&quot;:&quot;Conjunto de cerramientos de aluminio y vidrio en barrio de nueva creaci\\u00f3n&quot;}]\"><img loading=\"lazy\" decoding=\"async\" data-no-lazy=\"1\" class=\"portfolio-entry-img skip-lazy\" src=\"https:\/\/www.garciafaura.com\/wp-content\/uploads\/2018\/11\/Promocio\u0301-Sant-Fost-01-0-600x314.jpg\" alt='' data-no-retina width=\"600\" height=\"314\" \/><\/a><\/div><div class=\"portfolio-entry-details entry-details wpex-clr\"><h2 class=\"portfolio-entry-title entry-title\"><a href=\"https:\/\/www.garciafaura.com\/es\/portfolio-item\/promocion-sant-fost\/\" title=\"Promoci\u00f3n Sant Fost\">Promoci\u00f3n Sant Fost<\/a><\/h2><div class=\"portfolio-entry-categories entry-categories wpex-clr\"><a href=\"https:\/\/www.garciafaura.com\/es\/portfolio-category\/conjuntos-residenciales\/\" class=\"term-46\">Conjuntos residenciales<\/a><\/div><\/div><\/div><\/div><div class=\"portfolio-entry vcex-grid-item entry-has-details span_1_of_3 col col-2 vcex-isotope-entry vcex-no-margin-entry post-18384 entry type-portfolio has-media cat-46 cat-58 translation_priority-6\"><div class=\"portfolio-entry-inner entry-inner wpex-clr\"><div class=\"portfolio-entry-media entry-media wpex-clr\"><a href=\"https:\/\/www.garciafaura.com\/wp-content\/uploads\/2018\/11\/PasseigGracia.jpg\" title=\"Rehabilitaci\u00f3n inmueble paseo de Gr\u00e0cia\" class=\"portfolio-entry-media-link wpex-lightbox-gallery\" data-gallery=\"[{&quot;src&quot;:&quot;https:\\\/\\\/www.garciafaura.com\\\/wp-content\\\/uploads\\\/2018\\\/11\\\/Rehabilitacio\\u0301-habitatges-passeig-de-Gra\\u0300cia-01.jpg&quot;,&quot;title&quot;:&quot;Cerramientos exteriores y fachada posterior de edificio hist\\u00f3rico en el centro de Barcelona&quot;},{&quot;src&quot;:&quot;https:\\\/\\\/www.garciafaura.com\\\/wp-content\\\/uploads\\\/2018\\\/11\\\/Rehabilitacio\\u0301-Passeig-de-Gra\\u0300cia-00.jpg&quot;},{&quot;src&quot;:&quot;https:\\\/\\\/www.garciafaura.com\\\/wp-content\\\/uploads\\\/2018\\\/11\\\/Rehabilitacio\\u0301-Passeig-de-Gra\\u0300cia-06.jpg&quot;,&quot;title&quot;:&quot;Cerramientos exteriores y fachada posterior de edificio hist\\u00f3rico en el centro de Barcelona&quot;},{&quot;src&quot;:&quot;https:\\\/\\\/www.garciafaura.com\\\/wp-content\\\/uploads\\\/2018\\\/11\\\/Rehabilitacio\\u0301-Passeig-de-Gra\\u0300cia-05.jpg&quot;,&quot;title&quot;:&quot;Cerramientos exteriores y fachada posterior de edificio hist\\u00f3rico en el centro de Barcelona&quot;},{&quot;src&quot;:&quot;https:\\\/\\\/www.garciafaura.com\\\/wp-content\\\/uploads\\\/2018\\\/11\\\/Rehabilitacio\\u0301-Passeig-de-Gra\\u0300cia-04.jpg&quot;,&quot;title&quot;:&quot;Cerramientos exteriores y fachada posterior de edificio hist\\u00f3rico en el centro de Barcelona&quot;},{&quot;src&quot;:&quot;https:\\\/\\\/www.garciafaura.com\\\/wp-content\\\/uploads\\\/2018\\\/11\\\/Rehabilitacio\\u0301-Passeig-de-Gra\\u0300cia-03.jpg&quot;,&quot;title&quot;:&quot;Cerramientos exteriores y fachada posterior de edificio hist\\u00f3rico en el centro de Barcelona&quot;},{&quot;src&quot;:&quot;https:\\\/\\\/www.garciafaura.com\\\/wp-content\\\/uploads\\\/2018\\\/11\\\/Rehabilitacio\\u0301-Passeig-de-Gra\\u0300cia-02.jpg&quot;,&quot;title&quot;:&quot;Cerramientos exteriores y fachada posterior de edificio hist\\u00f3rico en el centro de Barcelona&quot;},{&quot;src&quot;:&quot;https:\\\/\\\/www.garciafaura.com\\\/wp-content\\\/uploads\\\/2018\\\/11\\\/Rehabilitacio\\u0301-Passeig-de-Gra\\u0300cia-01.jpg&quot;,&quot;title&quot;:&quot;Cerramientos exteriores y fachada posterior de edificio hist\\u00f3rico en el centro de Barcelona&quot;}]\"><img loading=\"lazy\" decoding=\"async\" data-no-lazy=\"1\" class=\"portfolio-entry-img skip-lazy\" src=\"https:\/\/www.garciafaura.com\/wp-content\/uploads\/2018\/11\/PasseigGracia-600x314.jpg\" alt='' data-no-retina width=\"600\" height=\"314\" \/><\/a><\/div><div class=\"portfolio-entry-details entry-details wpex-clr\"><h2 class=\"portfolio-entry-title entry-title\"><a href=\"https:\/\/www.garciafaura.com\/es\/portfolio-item\/rehabilitacion-inmueble-paseo-de-gracia\/\" title=\"Rehabilitaci\u00f3n inmueble paseo de Gr\u00e0cia\">Rehabilitaci\u00f3n inmueble paseo de Gr\u00e0cia<\/a><\/h2><div class=\"portfolio-entry-categories entry-categories wpex-clr\"><a href=\"https:\/\/www.garciafaura.com\/es\/portfolio-category\/conjuntos-residenciales\/\" class=\"term-46\">Conjuntos residenciales<\/a><\/div><\/div><\/div><\/div><div class=\"portfolio-entry vcex-grid-item entry-has-details span_1_of_3 col col-3 vcex-isotope-entry vcex-no-margin-entry post-18378 entry type-portfolio has-media cat-46 translation_priority-6\"><div class=\"portfolio-entry-inner entry-inner wpex-clr\"><div class=\"portfolio-entry-media entry-media wpex-clr\"><a href=\"https:\/\/www.garciafaura.com\/wp-content\/uploads\/2018\/11\/Residencial-Eixample-Mar-Vilanova-01.jpg\" title=\"Residencial Eixample Mar\" class=\"portfolio-entry-media-link wpex-lightbox-gallery\" data-gallery=\"[{&quot;src&quot;:&quot;https:\\\/\\\/www.garciafaura.com\\\/wp-content\\\/uploads\\\/2018\\\/11\\\/Residencial-Eixample-Mar-Vilanova-01.jpg&quot;,&quot;title&quot;:&quot;Conjunto de cerramientos interiores y exteriores en el nuevo sector residencial de Vilanova i la Geltr\\u00fa&quot;},{&quot;src&quot;:&quot;https:\\\/\\\/www.garciafaura.com\\\/wp-content\\\/uploads\\\/2018\\\/11\\\/Residencial-Eixample-Mar-Vilanova-11.jpg&quot;,&quot;title&quot;:&quot;Conjunto de cerramientos interiores y exteriores en el nuevo sector residencial de Vilanova i la Geltr\\u00fa&quot;},{&quot;src&quot;:&quot;https:\\\/\\\/www.garciafaura.com\\\/wp-content\\\/uploads\\\/2018\\\/11\\\/Residencial-Eixample-Mar-Vilanova-10.jpg&quot;,&quot;title&quot;:&quot;Conjunto de cerramientos interiores y exteriores en el nuevo sector residencial de Vilanova i la Geltr\\u00fa&quot;},{&quot;src&quot;:&quot;https:\\\/\\\/www.garciafaura.com\\\/wp-content\\\/uploads\\\/2018\\\/11\\\/Residencial-Eixample-Mar-Vilanova-09.jpg&quot;,&quot;title&quot;:&quot;Conjunto de cerramientos interiores y exteriores en el nuevo sector residencial de Vilanova i la Geltr\\u00fa&quot;},{&quot;src&quot;:&quot;https:\\\/\\\/www.garciafaura.com\\\/wp-content\\\/uploads\\\/2018\\\/11\\\/Residencial-Eixample-Mar-Vilanova-08.jpg&quot;,&quot;title&quot;:&quot;Conjunto de cerramientos interiores y exteriores en el nuevo sector residencial de Vilanova i la Geltr\\u00fa&quot;},{&quot;src&quot;:&quot;https:\\\/\\\/www.garciafaura.com\\\/wp-content\\\/uploads\\\/2018\\\/11\\\/Residencial-Eixample-Mar-Vilanova-06.jpg&quot;,&quot;title&quot;:&quot;Conjunto de cerramientos interiores y exteriores en el nuevo sector residencial de Vilanova i la Geltr\\u00fa&quot;},{&quot;src&quot;:&quot;https:\\\/\\\/www.garciafaura.com\\\/wp-content\\\/uploads\\\/2018\\\/11\\\/Residencial-Eixample-Mar-Vilanova-07.jpg&quot;,&quot;title&quot;:&quot;Conjunto de cerramientos interiores y exteriores en el nuevo sector residencial de Vilanova i la Geltr\\u00fa&quot;},{&quot;src&quot;:&quot;https:\\\/\\\/www.garciafaura.com\\\/wp-content\\\/uploads\\\/2018\\\/11\\\/Residencial-Eixample-Mar-Vilanova-05.jpg&quot;,&quot;title&quot;:&quot;Conjunto de cerramientos interiores y exteriores en el nuevo sector residencial de Vilanova i la Geltr\\u00fa&quot;},{&quot;src&quot;:&quot;https:\\\/\\\/www.garciafaura.com\\\/wp-content\\\/uploads\\\/2018\\\/11\\\/Residencial-Eixample-Mar-Vilanova-04.jpg&quot;,&quot;title&quot;:&quot;Conjunto de cerramientos interiores y exteriores en el nuevo sector residencial de Vilanova i la Geltr\\u00fa&quot;},{&quot;src&quot;:&quot;https:\\\/\\\/www.garciafaura.com\\\/wp-content\\\/uploads\\\/2018\\\/11\\\/Residencial-Eixample-Mar-Vilanova-03.jpg&quot;,&quot;title&quot;:&quot;Conjunto de cerramientos interiores y exteriores en el nuevo sector residencial de Vilanova i la Geltr\\u00fa&quot;},{&quot;src&quot;:&quot;https:\\\/\\\/www.garciafaura.com\\\/wp-content\\\/uploads\\\/2018\\\/11\\\/Residencial-Eixample-Mar-Vilanova-02.jpg&quot;,&quot;title&quot;:&quot;Conjunto de cerramientos interiores y exteriores en el nuevo sector residencial de Vilanova i la Geltr\\u00fa&quot;}]\"><img decoding=\"async\" data-no-lazy=\"1\" class=\"portfolio-entry-img skip-lazy\" src=\"https:\/\/www.garciafaura.com\/wp-content\/uploads\/2018\/11\/Residencial-Eixample-Mar-Vilanova-01-x.jpg\" alt=\"Conjunto De Cerramientos Interiores Y Exteriores En El Nuevo Sector Residencial De Vilanova I La Geltr\u00fa\" data-no-retina \/><\/a><\/div><div class=\"portfolio-entry-details entry-details wpex-clr\"><h2 class=\"portfolio-entry-title entry-title\"><a href=\"https:\/\/www.garciafaura.com\/es\/portfolio-item\/residencial-eixample-mar\/\" title=\"Residencial Eixample Mar\">Residencial Eixample Mar<\/a><\/h2><div class=\"portfolio-entry-categories entry-categories wpex-clr\"><a href=\"https:\/\/www.garciafaura.com\/es\/portfolio-category\/conjuntos-residenciales\/\" class=\"term-46\">Conjuntos residenciales<\/a><\/div><\/div><\/div><\/div><div class=\"portfolio-entry vcex-grid-item entry-has-details span_1_of_3 col col-1 vcex-isotope-entry vcex-no-margin-entry post-18375 entry type-portfolio has-media cat-46 translation_priority-6\"><div class=\"portfolio-entry-inner entry-inner wpex-clr\"><div class=\"portfolio-entry-media entry-media wpex-clr\"><a href=\"https:\/\/www.garciafaura.com\/wp-content\/uploads\/2018\/11\/Promocio\u0301-Viladecans-04.jpg\" title=\"Promoci\u00f3n Viladecans\" class=\"portfolio-entry-media-link wpex-lightbox-gallery\" data-gallery=\"[{&quot;src&quot;:&quot;https:\\\/\\\/www.garciafaura.com\\\/wp-content\\\/uploads\\\/2018\\\/11\\\/Promocio\\u0301-Viladecans-01.jpg&quot;,&quot;title&quot;:&quot;Trabajos de carpinter\\u00eda de aluminio y vidrio en conjunto de viviendas en el sector este de Viladecans&quot;},{&quot;src&quot;:&quot;https:\\\/\\\/www.garciafaura.com\\\/wp-content\\\/uploads\\\/2018\\\/11\\\/Promocio\\u0301-Viladecans-08.jpg&quot;,&quot;title&quot;:&quot;Trabajos de carpinter\\u00eda de aluminio y vidrio en conjunto de viviendas en el sector este de Viladecans&quot;},{&quot;src&quot;:&quot;https:\\\/\\\/www.garciafaura.com\\\/wp-content\\\/uploads\\\/2018\\\/11\\\/Promocio\\u0301-Viladecans-07.jpg&quot;,&quot;title&quot;:&quot;Trabajos de carpinter\\u00eda de aluminio y vidrio en conjunto de viviendas en el sector este de Viladecans&quot;},{&quot;src&quot;:&quot;https:\\\/\\\/www.garciafaura.com\\\/wp-content\\\/uploads\\\/2018\\\/11\\\/Promocio\\u0301-Viladecans-06.jpg&quot;,&quot;title&quot;:&quot;Trabajos de carpinter\\u00eda de aluminio y vidrio en conjunto de viviendas en el sector este de Viladecans&quot;},{&quot;src&quot;:&quot;https:\\\/\\\/www.garciafaura.com\\\/wp-content\\\/uploads\\\/2018\\\/11\\\/Promocio\\u0301-Viladecans-05.jpg&quot;,&quot;title&quot;:&quot;Trabajos de carpinter\\u00eda de aluminio y vidrio en conjunto de viviendas en el sector este de Viladecans&quot;},{&quot;src&quot;:&quot;https:\\\/\\\/www.garciafaura.com\\\/wp-content\\\/uploads\\\/2018\\\/11\\\/Promocio\\u0301-Viladecans-04.jpg&quot;,&quot;title&quot;:&quot;Trabajos de carpinter\\u00eda de aluminio y vidrio en conjunto de viviendas en el sector este de Viladecans&quot;},{&quot;src&quot;:&quot;https:\\\/\\\/www.garciafaura.com\\\/wp-content\\\/uploads\\\/2018\\\/11\\\/Promocio\\u0301-Viladecans-03.jpg&quot;,&quot;title&quot;:&quot;Trabajos de carpinter\\u00eda de aluminio y vidrio en conjunto de viviendas en el sector este de Viladecans&quot;},{&quot;src&quot;:&quot;https:\\\/\\\/www.garciafaura.com\\\/wp-content\\\/uploads\\\/2018\\\/11\\\/Promocio\\u0301-Viladecans-02.jpg&quot;,&quot;title&quot;:&quot;Trabajos de carpinter\\u00eda de aluminio y vidrio en conjunto de viviendas en el sector este de Viladecans&quot;}]\"><img decoding=\"async\" data-no-lazy=\"1\" class=\"portfolio-entry-img skip-lazy\" src=\"https:\/\/www.garciafaura.com\/wp-content\/uploads\/2018\/11\/Promocio\u0301-Viladecans-04-x.jpg\" alt=\"Trabajos De Carpinter\u00eda De Aluminio Y Vidrio En Conjunto De Viviendas En El Sector Este De Viladecans\" data-no-retina \/><\/a><\/div><div class=\"portfolio-entry-details entry-details wpex-clr\"><h2 class=\"portfolio-entry-title entry-title\"><a href=\"https:\/\/www.garciafaura.com\/es\/portfolio-item\/promocion-viladecans-2\/\" title=\"Promoci\u00f3n Viladecans\">Promoci\u00f3n Viladecans<\/a><\/h2><div class=\"portfolio-entry-categories entry-categories wpex-clr\"><a href=\"https:\/\/www.garciafaura.com\/es\/portfolio-category\/conjuntos-residenciales\/\" class=\"term-46\">Conjuntos residenciales<\/a><\/div><\/div><\/div><\/div><div class=\"portfolio-entry vcex-grid-item entry-has-details span_1_of_3 col col-2 vcex-isotope-entry vcex-no-margin-entry post-18372 entry type-portfolio has-media cat-46 translation_priority-6\"><div class=\"portfolio-entry-inner entry-inner wpex-clr\"><div class=\"portfolio-entry-media entry-media wpex-clr\"><a href=\"https:\/\/www.garciafaura.com\/wp-content\/uploads\/2018\/11\/Urbanitzacio\u0301-Can-Llovera-01.jpg\" title=\"Urbanizaci\u00f3n Can Lloveras\" class=\"portfolio-entry-media-link wpex-lightbox-gallery\" data-gallery=\"[{&quot;src&quot;:&quot;https:\\\/\\\/www.garciafaura.com\\\/wp-content\\\/uploads\\\/2018\\\/11\\\/Urbanitzacio\\u0301-Can-Llovera-01.jpg&quot;,&quot;title&quot;:&quot;Fabricaci\\u00f3n e instalaci\\u00f3n de cerramientos en viviendas unifamiliares en Sant Feliu de Llobregat&quot;},{&quot;src&quot;:&quot;https:\\\/\\\/www.garciafaura.com\\\/wp-content\\\/uploads\\\/2018\\\/11\\\/Urbanitzacio\\u0301-Can-Llovera-13.jpg&quot;,&quot;title&quot;:&quot;Fabricaci\\u00f3n e instalaci\\u00f3n de cerramientos en viviendas unifamiliares en Sant Feliu de Llobregat&quot;},{&quot;src&quot;:&quot;https:\\\/\\\/www.garciafaura.com\\\/wp-content\\\/uploads\\\/2018\\\/11\\\/Urbanitzacio\\u0301-Can-Llovera-12.jpg&quot;,&quot;title&quot;:&quot;Fabricaci\\u00f3n e instalaci\\u00f3n de cerramientos en viviendas unifamiliares en Sant Feliu de Llobregat&quot;},{&quot;src&quot;:&quot;https:\\\/\\\/www.garciafaura.com\\\/wp-content\\\/uploads\\\/2018\\\/11\\\/Urbanitzacio\\u0301-Can-Llovera-11.jpg&quot;,&quot;title&quot;:&quot;Fabricaci\\u00f3n e instalaci\\u00f3n de cerramientos en viviendas unifamiliares en Sant Feliu de Llobregat&quot;},{&quot;src&quot;:&quot;https:\\\/\\\/www.garciafaura.com\\\/wp-content\\\/uploads\\\/2018\\\/11\\\/Urbanitzacio\\u0301-Can-Llovera-10.jpg&quot;,&quot;title&quot;:&quot;Fabricaci\\u00f3n e instalaci\\u00f3n de cerramientos en viviendas unifamiliares en Sant Feliu de Llobregat&quot;},{&quot;src&quot;:&quot;https:\\\/\\\/www.garciafaura.com\\\/wp-content\\\/uploads\\\/2018\\\/11\\\/Urbanitzacio\\u0301-Can-Llovera-09.jpg&quot;,&quot;title&quot;:&quot;Fabricaci\\u00f3n e instalaci\\u00f3n de cerramientos en viviendas unifamiliares en Sant Feliu de Llobregat&quot;},{&quot;src&quot;:&quot;https:\\\/\\\/www.garciafaura.com\\\/wp-content\\\/uploads\\\/2018\\\/11\\\/Urbanitzacio\\u0301-Can-Llovera-08.jpg&quot;,&quot;title&quot;:&quot;Fabricaci\\u00f3n e instalaci\\u00f3n de cerramientos en viviendas unifamiliares en Sant Feliu de Llobregat&quot;},{&quot;src&quot;:&quot;https:\\\/\\\/www.garciafaura.com\\\/wp-content\\\/uploads\\\/2018\\\/11\\\/Urbanitzacio\\u0301-Can-Llovera-07.jpg&quot;,&quot;title&quot;:&quot;Fabricaci\\u00f3n e instalaci\\u00f3n de cerramientos en viviendas unifamiliares en Sant Feliu de Llobregat&quot;},{&quot;src&quot;:&quot;https:\\\/\\\/www.garciafaura.com\\\/wp-content\\\/uploads\\\/2018\\\/11\\\/Urbanitzacio\\u0301-Can-Llovera-06.jpg&quot;,&quot;title&quot;:&quot;Fabricaci\\u00f3n e instalaci\\u00f3n de cerramientos en viviendas unifamiliares en Sant Feliu de Llobregat&quot;},{&quot;src&quot;:&quot;https:\\\/\\\/www.garciafaura.com\\\/wp-content\\\/uploads\\\/2018\\\/11\\\/Urbanitzacio\\u0301-Can-Llovera-05.jpg&quot;,&quot;title&quot;:&quot;Fabricaci\\u00f3n e instalaci\\u00f3n de cerramientos en viviendas unifamiliares en Sant Feliu de Llobregat&quot;},{&quot;src&quot;:&quot;https:\\\/\\\/www.garciafaura.com\\\/wp-content\\\/uploads\\\/2018\\\/11\\\/Urbanitzacio\\u0301-Can-Llovera-04.jpg&quot;,&quot;title&quot;:&quot;Fabricaci\\u00f3n e instalaci\\u00f3n de cerramientos en viviendas unifamiliares en Sant Feliu de Llobregat&quot;},{&quot;src&quot;:&quot;https:\\\/\\\/www.garciafaura.com\\\/wp-content\\\/uploads\\\/2018\\\/11\\\/Urbanitzacio\\u0301-Can-Llovera-03.jpg&quot;,&quot;title&quot;:&quot;Fabricaci\\u00f3n e instalaci\\u00f3n de cerramientos en viviendas unifamiliares en Sant Feliu de Llobregat&quot;},{&quot;src&quot;:&quot;https:\\\/\\\/www.garciafaura.com\\\/wp-content\\\/uploads\\\/2018\\\/11\\\/Urbanitzacio\\u0301-Can-Llovera-02.jpg&quot;,&quot;title&quot;:&quot;Fabricaci\\u00f3n e instalaci\\u00f3n de cerramientos en viviendas unifamiliares en Sant Feliu de Llobregat&quot;}]\"><img decoding=\"async\" data-no-lazy=\"1\" class=\"portfolio-entry-img skip-lazy\" src=\"https:\/\/www.garciafaura.com\/wp-content\/uploads\/2018\/11\/Urbanitzacio\u0301-Can-Llovera-01-x.jpg\" alt=\"Fabricaci\u00f3n E Instalaci\u00f3n De Cerramientos En Viviendas Unifamiliares En Sant Feliu De Llobregat\" data-no-retina \/><\/a><\/div><div class=\"portfolio-entry-details entry-details wpex-clr\"><h2 class=\"portfolio-entry-title entry-title\"><a href=\"https:\/\/www.garciafaura.com\/es\/portfolio-item\/urbanizacion-can-lloveras\/\" title=\"Urbanizaci\u00f3n Can Lloveras\">Urbanizaci\u00f3n Can Lloveras<\/a><\/h2><div class=\"portfolio-entry-categories entry-categories wpex-clr\"><a href=\"https:\/\/www.garciafaura.com\/es\/portfolio-category\/conjuntos-residenciales\/\" class=\"term-46\">Conjuntos residenciales<\/a><\/div><\/div><\/div><\/div><div class=\"portfolio-entry vcex-grid-item entry-has-details span_1_of_3 col col-3 vcex-isotope-entry vcex-no-margin-entry post-18339 entry type-portfolio has-media cat-46 translation_priority-6\"><div class=\"portfolio-entry-inner entry-inner wpex-clr\"><div class=\"portfolio-entry-media entry-media wpex-clr\"><a href=\"https:\/\/www.garciafaura.com\/wp-content\/uploads\/2018\/11\/Promocio\u0301-Sant-Fost-03.jpg\" title=\"Viviendas Sant Fost\" class=\"portfolio-entry-media-link wpex-lightbox-gallery\" data-gallery=\"[{&quot;src&quot;:&quot;https:\\\/\\\/www.garciafaura.com\\\/wp-content\\\/uploads\\\/2018\\\/11\\\/Promocio\\u0301-Sant-Fost-01.jpg&quot;,&quot;title&quot;:&quot;Conjunto de cerramientos de aluminio y vidrio en barrio de nueva creaci\\u00f3n&quot;},{&quot;src&quot;:&quot;https:\\\/\\\/www.garciafaura.com\\\/wp-content\\\/uploads\\\/2018\\\/11\\\/Promocio\\u0301-Sant-Fost-07.jpg&quot;,&quot;title&quot;:&quot;Conjunto de cerramientos de aluminio y vidrio en barrio de nueva creaci\\u00f3n&quot;},{&quot;src&quot;:&quot;https:\\\/\\\/www.garciafaura.com\\\/wp-content\\\/uploads\\\/2018\\\/11\\\/Promocio\\u0301-Sant-Fost-06.jpg&quot;,&quot;title&quot;:&quot;Conjunto de cerramientos de aluminio y vidrio en barrio de nueva creaci\\u00f3n&quot;},{&quot;src&quot;:&quot;https:\\\/\\\/www.garciafaura.com\\\/wp-content\\\/uploads\\\/2018\\\/11\\\/Promocio\\u0301-Sant-Fost-05.jpg&quot;,&quot;title&quot;:&quot;Conjunto de cerramientos de aluminio y vidrio en barrio de nueva creaci\\u00f3n&quot;},{&quot;src&quot;:&quot;https:\\\/\\\/www.garciafaura.com\\\/wp-content\\\/uploads\\\/2018\\\/11\\\/Promocio\\u0301-Sant-Fost-04.jpg&quot;,&quot;title&quot;:&quot;Conjunto de cerramientos de aluminio y vidrio en barrio de nueva creaci\\u00f3n&quot;},{&quot;src&quot;:&quot;https:\\\/\\\/www.garciafaura.com\\\/wp-content\\\/uploads\\\/2018\\\/11\\\/Promocio\\u0301-Sant-Fost-03.jpg&quot;,&quot;title&quot;:&quot;Conjunto de cerramientos de aluminio y vidrio en barrio de nueva creaci\\u00f3n&quot;},{&quot;src&quot;:&quot;https:\\\/\\\/www.garciafaura.com\\\/wp-content\\\/uploads\\\/2018\\\/11\\\/Promocio\\u0301-Sant-Fost-02.jpg&quot;,&quot;title&quot;:&quot;Conjunto de cerramientos de aluminio y vidrio en barrio de nueva creaci\\u00f3n&quot;}]\"><img decoding=\"async\" data-no-lazy=\"1\" class=\"portfolio-entry-img skip-lazy\" src=\"https:\/\/www.garciafaura.com\/wp-content\/uploads\/2018\/11\/Promocio\u0301-Sant-Fost-03-x.jpg\" alt=\"Conjunto De Cerramientos De Aluminio Y Vidrio En Barrio De Nueva Creaci\u00f3n\" data-no-retina \/><\/a><\/div><div class=\"portfolio-entry-details entry-details wpex-clr\"><h2 class=\"portfolio-entry-title entry-title\"><a href=\"https:\/\/www.garciafaura.com\/es\/portfolio-item\/viviendas-sant-fost\/\" title=\"Viviendas Sant Fost\">Viviendas Sant Fost<\/a><\/h2><div class=\"portfolio-entry-categories entry-categories wpex-clr\"><a href=\"https:\/\/www.garciafaura.com\/es\/portfolio-category\/conjuntos-residenciales\/\" class=\"term-46\">Conjuntos residenciales<\/a><\/div><\/div><\/div><\/div><div class=\"portfolio-entry vcex-grid-item entry-has-details span_1_of_3 col col-1 vcex-isotope-entry vcex-no-margin-entry post-18329 entry type-portfolio has-media cat-46 translation_priority-6\"><div class=\"portfolio-entry-inner entry-inner wpex-clr\"><div class=\"portfolio-entry-media entry-media wpex-clr\"><a href=\"https:\/\/www.garciafaura.com\/wp-content\/uploads\/2018\/11\/Promocio\u0301-Can-Divi\u0301-02.jpg\" title=\"Promoci\u00f3n Can Div\u00ed\" class=\"portfolio-entry-media-link wpex-lightbox-gallery\" data-gallery=\"[{&quot;src&quot;:&quot;https:\\\/\\\/www.garciafaura.com\\\/wp-content\\\/uploads\\\/2018\\\/11\\\/Promocio\\u0301-Can-Divi\\u0301-01.jpg&quot;,&quot;title&quot;:&quot;Conjunto de trabajos de aluminio y vidrio en esta nueva promoci\\u00f3n de viviendas en Sant Boi de Llobregat&quot;},{&quot;src&quot;:&quot;https:\\\/\\\/www.garciafaura.com\\\/wp-content\\\/uploads\\\/2018\\\/11\\\/Promocio\\u0301-Can-Divi\\u0301-03.jpg&quot;,&quot;title&quot;:&quot;Conjunto de trabajos de aluminio y vidrio en esta nueva promoci\\u00f3n de viviendas en Sant Boi de Llobregat&quot;},{&quot;src&quot;:&quot;https:\\\/\\\/www.garciafaura.com\\\/wp-content\\\/uploads\\\/2018\\\/11\\\/Promocio\\u0301-Can-Divi\\u0301-02.jpg&quot;,&quot;title&quot;:&quot;Conjunto de trabajos de aluminio y vidrio en esta nueva promoci\\u00f3n de viviendas en Sant Boi de Llobregat&quot;}]\"><img decoding=\"async\" data-no-lazy=\"1\" class=\"portfolio-entry-img skip-lazy\" src=\"https:\/\/www.garciafaura.com\/wp-content\/uploads\/2018\/11\/Promocio\u0301-Can-Divi\u0301-02-x.jpg\" alt=\"Conjunto De Trabajos De Aluminio Y Vidrio En Esta Nueva Promoci\u00f3n De Viviendas En Sant Boi De Llobregat\" data-no-retina \/><\/a><\/div><div class=\"portfolio-entry-details entry-details wpex-clr\"><h2 class=\"portfolio-entry-title entry-title\"><a href=\"https:\/\/www.garciafaura.com\/es\/portfolio-item\/promocion-can-divi\/\" title=\"Promoci\u00f3n Can Div\u00ed\">Promoci\u00f3n Can Div\u00ed<\/a><\/h2><div class=\"portfolio-entry-categories entry-categories wpex-clr\"><a href=\"https:\/\/www.garciafaura.com\/es\/portfolio-category\/conjuntos-residenciales\/\" class=\"term-46\">Conjuntos residenciales<\/a><\/div><\/div><\/div><\/div><div class=\"portfolio-entry vcex-grid-item entry-has-details span_1_of_3 col col-2 vcex-isotope-entry vcex-no-margin-entry post-18326 entry type-portfolio has-media cat-46 cat-58 cat-60 translation_priority-6\"><div class=\"portfolio-entry-inner entry-inner wpex-clr\"><div class=\"portfolio-entry-media entry-media wpex-clr\"><a href=\"https:\/\/www.garciafaura.com\/wp-content\/uploads\/2018\/11\/Rehabilitacio\u0301-Can-Modolell-01.jpg\" title=\"Rehabilitaci\u00f3n Can Modolell\" class=\"portfolio-entry-media-link wpex-lightbox-gallery\" data-gallery=\"[{&quot;src&quot;:&quot;https:\\\/\\\/www.garciafaura.com\\\/wp-content\\\/uploads\\\/2018\\\/11\\\/Rehabilitacio\\u0301-Can-Modolell-01.jpg&quot;,&quot;title&quot;:&quot;Rehabilitaci\\u00f3n integral de la torre Can Modolell y nueva urbanizaci\\u00f3n anexa&quot;},{&quot;src&quot;:&quot;https:\\\/\\\/www.garciafaura.com\\\/wp-content\\\/uploads\\\/2018\\\/11\\\/Rehabilitacio\\u0301-Can-Modolell-02.jpg&quot;,&quot;title&quot;:&quot;Rehabilitaci\\u00f3n integral de la torre Can Modolell y nueva urbanizaci\\u00f3n anexa&quot;}]\"><img decoding=\"async\" data-no-lazy=\"1\" class=\"portfolio-entry-img skip-lazy\" src=\"https:\/\/www.garciafaura.com\/wp-content\/uploads\/2018\/11\/Rehabilitacio\u0301-Can-Modolell-01-x.jpg\" alt=\"Rehabilitaci\u00f3n Integral De La Torre Can Modolell Y Nueva Urbanizaci\u00f3n Anexa\" data-no-retina \/><\/a><\/div><div class=\"portfolio-entry-details entry-details wpex-clr\"><h2 class=\"portfolio-entry-title entry-title\"><a href=\"https:\/\/www.garciafaura.com\/es\/portfolio-item\/rehabilitacion-can-modolell\/\" title=\"Rehabilitaci\u00f3n Can Modolell\">Rehabilitaci\u00f3n Can Modolell<\/a><\/h2><div class=\"portfolio-entry-categories entry-categories wpex-clr\"><a href=\"https:\/\/www.garciafaura.com\/es\/portfolio-category\/conjuntos-residenciales\/\" class=\"term-46\">Conjuntos residenciales<\/a><\/div><\/div><\/div><\/div><div class=\"portfolio-entry vcex-grid-item entry-has-details span_1_of_3 col col-3 vcex-isotope-entry vcex-no-margin-entry post-18323 entry type-portfolio has-media cat-46 translation_priority-6\"><div class=\"portfolio-entry-inner entry-inner wpex-clr\"><div class=\"portfolio-entry-media entry-media wpex-clr\"><a href=\"https:\/\/www.garciafaura.com\/wp-content\/uploads\/2018\/11\/Apartaments-El-Vinyet-01.jpg\" title=\"Apartamentos El Vinyet\" class=\"portfolio-entry-media-link wpex-lightbox-gallery\" data-gallery=\"[{&quot;src&quot;:&quot;https:\\\/\\\/www.garciafaura.com\\\/wp-content\\\/uploads\\\/2018\\\/11\\\/Apartaments-El-Vinyet-01.jpg&quot;,&quot;title&quot;:&quot;Conjunt de treballs de fusteria d&#039;alumini i vidre en bloc d&#039;apartaments a Sitges&quot;}]\"><img decoding=\"async\" data-no-lazy=\"1\" class=\"portfolio-entry-img skip-lazy\" src=\"https:\/\/www.garciafaura.com\/wp-content\/uploads\/2018\/11\/Apartaments-El-Vinyet-01-x.jpg\" alt=\"Conjunt De Treballs De Fusteria D'alumini I Vidre En Bloc D'apartaments A Sitges\" data-no-retina \/><\/a><\/div><div class=\"portfolio-entry-details entry-details wpex-clr\"><h2 class=\"portfolio-entry-title entry-title\"><a href=\"https:\/\/www.garciafaura.com\/es\/portfolio-item\/apartamentos-el-vinyet\/\" title=\"Apartamentos El Vinyet\">Apartamentos El Vinyet<\/a><\/h2><div class=\"portfolio-entry-categories entry-categories wpex-clr\"><a href=\"https:\/\/www.garciafaura.com\/es\/portfolio-category\/conjuntos-residenciales\/\" class=\"term-46\">Conjuntos residenciales<\/a><\/div><\/div><\/div><\/div><div class=\"portfolio-entry vcex-grid-item entry-has-details span_1_of_3 col col-1 vcex-isotope-entry vcex-no-margin-entry post-18320 entry type-portfolio has-media cat-46 translation_priority-6\"><div class=\"portfolio-entry-inner entry-inner wpex-clr\"><div class=\"portfolio-entry-media entry-media wpex-clr\"><a href=\"https:\/\/www.garciafaura.com\/wp-content\/uploads\/2018\/11\/Habitatge-a-Horta-01.jpg\" title=\"Vivienda en Horta\" class=\"portfolio-entry-media-link wpex-lightbox-gallery\" data-gallery=\"[{&quot;src&quot;:&quot;https:\\\/\\\/www.garciafaura.com\\\/wp-content\\\/uploads\\\/2018\\\/11\\\/Habitatge-a-Horta-01.jpg&quot;,&quot;title&quot;:&quot;Instalaci\\u00f3n de puertas y ventanas de aluminio en edificaci\\u00f3n residencial&quot;}]\"><img decoding=\"async\" data-no-lazy=\"1\" class=\"portfolio-entry-img skip-lazy\" src=\"https:\/\/www.garciafaura.com\/wp-content\/uploads\/2018\/11\/Habitatge-a-Horta-01-x.jpg\" alt=\"Instalaci\u00f3n De Puertas Y Ventanas De Aluminio En Edificaci\u00f3n Residencial\" data-no-retina \/><\/a><\/div><div class=\"portfolio-entry-details entry-details wpex-clr\"><h2 class=\"portfolio-entry-title entry-title\"><a href=\"https:\/\/www.garciafaura.com\/es\/portfolio-item\/vivienda-en-horta\/\" title=\"Vivienda en Horta\">Vivienda en Horta<\/a><\/h2><div class=\"portfolio-entry-categories entry-categories wpex-clr\"><a href=\"https:\/\/www.garciafaura.com\/es\/portfolio-category\/conjuntos-residenciales\/\" class=\"term-46\">Conjuntos residenciales<\/a><\/div><\/div><\/div><\/div><div class=\"portfolio-entry vcex-grid-item entry-has-details span_1_of_3 col col-2 vcex-isotope-entry vcex-no-margin-entry post-18314 entry type-portfolio has-media cat-46 translation_priority-6\"><div class=\"portfolio-entry-inner entry-inner wpex-clr\"><div class=\"portfolio-entry-media entry-media wpex-clr\"><a href=\"https:\/\/www.garciafaura.com\/wp-content\/uploads\/2018\/11\/Residencial-El-Pla-01.jpg\" title=\"Residencial El Pla\" class=\"portfolio-entry-media-link wpex-lightbox-gallery\" data-gallery=\"[{&quot;src&quot;:&quot;https:\\\/\\\/www.garciafaura.com\\\/wp-content\\\/uploads\\\/2018\\\/11\\\/Residencial-El-Pla-01.jpg&quot;,&quot;title&quot;:&quot;Cerramientos interiores y exteriores en esta promoci\\u00f3n de 200 viviendas&quot;}]\"><img decoding=\"async\" data-no-lazy=\"1\" class=\"portfolio-entry-img skip-lazy\" src=\"https:\/\/www.garciafaura.com\/wp-content\/uploads\/2018\/11\/Residencial-El-Pla-01-x.jpg\" alt=\"Cerramientos Interiores Y Exteriores En Esta Promoci\u00f3n De 200 Viviendas\" data-no-retina \/><\/a><\/div><div class=\"portfolio-entry-details entry-details wpex-clr\"><h2 class=\"portfolio-entry-title entry-title\"><a href=\"https:\/\/www.garciafaura.com\/es\/portfolio-item\/residencial-el-pla\/\" title=\"Residencial El Pla\">Residencial El Pla<\/a><\/h2><div class=\"portfolio-entry-categories entry-categories wpex-clr\"><a href=\"https:\/\/www.garciafaura.com\/es\/portfolio-category\/conjuntos-residenciales\/\" class=\"term-46\">Conjuntos residenciales<\/a><\/div><\/div><\/div><\/div><div class=\"portfolio-entry vcex-grid-item entry-has-details span_1_of_3 col col-3 vcex-isotope-entry vcex-no-margin-entry post-18311 entry type-portfolio has-media cat-46 translation_priority-6\"><div class=\"portfolio-entry-inner entry-inner wpex-clr\"><div class=\"portfolio-entry-media entry-media wpex-clr\"><a href=\"https:\/\/www.garciafaura.com\/wp-content\/uploads\/2018\/11\/Sant-Jaume-Parc-02.jpg\" title=\"Sant Jaume Parc\" class=\"portfolio-entry-media-link wpex-lightbox-gallery\" data-gallery=\"[{&quot;src&quot;:&quot;https:\\\/\\\/www.garciafaura.com\\\/wp-content\\\/uploads\\\/2018\\\/11\\\/Sant-Jaume-Parc-01.jpg&quot;,&quot;title&quot;:&quot;Trabajos de carpinter\\u00eda de aluminio en conjunto residencial de 8 bloques de viviendas&quot;},{&quot;src&quot;:&quot;https:\\\/\\\/www.garciafaura.com\\\/wp-content\\\/uploads\\\/2018\\\/11\\\/Sant-Jaume-Parc-02.jpg&quot;,&quot;title&quot;:&quot;Trabajos de carpinter\\u00eda de aluminio en conjunto residencial de 8 bloques de viviendas&quot;}]\"><img decoding=\"async\" data-no-lazy=\"1\" class=\"portfolio-entry-img skip-lazy\" src=\"https:\/\/www.garciafaura.com\/wp-content\/uploads\/2018\/11\/Sant-Jaume-Parc-02-x.jpg\" alt=\"Trabajos De Carpinter\u00eda De Aluminio En Conjunto Residencial De 8 Bloques De Viviendas\" data-no-retina \/><\/a><\/div><div class=\"portfolio-entry-details entry-details wpex-clr\"><h2 class=\"portfolio-entry-title entry-title\"><a href=\"https:\/\/www.garciafaura.com\/es\/portfolio-item\/sant-jaume-parc\/\" title=\"Sant Jaume Parc\">Sant Jaume Parc<\/a><\/h2><div class=\"portfolio-entry-categories entry-categories wpex-clr\"><a href=\"https:\/\/www.garciafaura.com\/es\/portfolio-category\/conjuntos-residenciales\/\" class=\"term-46\">Conjuntos residenciales<\/a><\/div><\/div><\/div><\/div><div class=\"portfolio-entry vcex-grid-item entry-has-details span_1_of_3 col col-1 vcex-isotope-entry vcex-no-margin-entry post-18308 entry type-portfolio has-media cat-46 translation_priority-6\"><div class=\"portfolio-entry-inner entry-inner wpex-clr\"><div class=\"portfolio-entry-media entry-media wpex-clr\"><a href=\"https:\/\/www.garciafaura.com\/wp-content\/uploads\/2018\/11\/Residencial-Sarria\u0300-01-1.jpg\" title=\"Promoci\u00f3n Sarri\u00e0\" class=\"portfolio-entry-media-link wpex-lightbox-gallery\" data-gallery=\"[{&quot;src&quot;:&quot;https:\\\/\\\/www.garciafaura.com\\\/wp-content\\\/uploads\\\/2018\\\/11\\\/Residencial-Sarria\\u0300-01-1.jpg&quot;,&quot;title&quot;:&quot;Instalaci\\u00f3n de puertas y ventanas de aluminio en edificaci\\u00f3n residencial&quot;}]\"><img decoding=\"async\" data-no-lazy=\"1\" class=\"portfolio-entry-img skip-lazy\" src=\"https:\/\/www.garciafaura.com\/wp-content\/uploads\/2018\/11\/Residencial-Sarria\u0300-01-1-x.jpg\" alt=\"Instalaci\u00f3n De Puertas Y Ventanas De Aluminio En Edificaci\u00f3n Residencial\" data-no-retina \/><\/a><\/div><div class=\"portfolio-entry-details entry-details wpex-clr\"><h2 class=\"portfolio-entry-title entry-title\"><a href=\"https:\/\/www.garciafaura.com\/es\/portfolio-item\/promocion-sarria\/\" title=\"Promoci\u00f3n Sarri\u00e0\">Promoci\u00f3n Sarri\u00e0<\/a><\/h2><div class=\"portfolio-entry-categories entry-categories wpex-clr\"><a href=\"https:\/\/www.garciafaura.com\/es\/portfolio-category\/conjuntos-residenciales\/\" class=\"term-46\">Conjuntos residenciales<\/a><\/div><\/div><\/div><\/div><div class=\"portfolio-entry vcex-grid-item entry-has-details span_1_of_3 col col-2 vcex-isotope-entry vcex-no-margin-entry post-18293 entry type-portfolio has-media cat-46 translation_priority-6\"><div class=\"portfolio-entry-inner entry-inner wpex-clr\"><div class=\"portfolio-entry-media entry-media wpex-clr\"><a href=\"https:\/\/www.garciafaura.com\/wp-content\/uploads\/2018\/11\/Residencial-Trac\u0327at-01.jpg\" title=\"Residencial Tra\u00e7at\" class=\"portfolio-entry-media-link wpex-lightbox-gallery\" data-gallery=\"[{&quot;src&quot;:&quot;https:\\\/\\\/www.garciafaura.com\\\/wp-content\\\/uploads\\\/2018\\\/11\\\/Residencial-Trac\\u0327at-01.jpg&quot;,&quot;title&quot;:&quot;Fabricaci\\u00f3n e instalaci\\u00f3n de carpinter\\u00eda de aluminio y vidrier\\u00eda en urbanizaci\\u00f3n de Tarragona&quot;},{&quot;src&quot;:&quot;https:\\\/\\\/www.garciafaura.com\\\/wp-content\\\/uploads\\\/2018\\\/11\\\/Residencial-Trac\\u0327at-10.jpg&quot;,&quot;title&quot;:&quot;Fabricaci\\u00f3n e instalaci\\u00f3n de carpinter\\u00eda de aluminio y vidrier\\u00eda en urbanizaci\\u00f3n de Tarragona&quot;},{&quot;src&quot;:&quot;https:\\\/\\\/www.garciafaura.com\\\/wp-content\\\/uploads\\\/2018\\\/11\\\/Residencial-Trac\\u0327at-09.jpg&quot;,&quot;title&quot;:&quot;Fabricaci\\u00f3n e instalaci\\u00f3n de carpinter\\u00eda de aluminio y vidrier\\u00eda en urbanizaci\\u00f3n de Tarragona&quot;},{&quot;src&quot;:&quot;https:\\\/\\\/www.garciafaura.com\\\/wp-content\\\/uploads\\\/2018\\\/11\\\/Residencial-Trac\\u0327at-08.jpg&quot;,&quot;title&quot;:&quot;Fabricaci\\u00f3n e instalaci\\u00f3n de carpinter\\u00eda de aluminio y vidrier\\u00eda en urbanizaci\\u00f3n de Tarragona&quot;},{&quot;src&quot;:&quot;https:\\\/\\\/www.garciafaura.com\\\/wp-content\\\/uploads\\\/2018\\\/11\\\/Residencial-Trac\\u0327at-07.jpg&quot;,&quot;title&quot;:&quot;Fabricaci\\u00f3n e instalaci\\u00f3n de carpinter\\u00eda de aluminio y vidrier\\u00eda en urbanizaci\\u00f3n de Tarragona&quot;},{&quot;src&quot;:&quot;https:\\\/\\\/www.garciafaura.com\\\/wp-content\\\/uploads\\\/2018\\\/11\\\/Residencial-Trac\\u0327at-06.jpg&quot;,&quot;title&quot;:&quot;Fabricaci\\u00f3n e instalaci\\u00f3n de carpinter\\u00eda de aluminio y vidrier\\u00eda en urbanizaci\\u00f3n de Tarragona&quot;},{&quot;src&quot;:&quot;https:\\\/\\\/www.garciafaura.com\\\/wp-content\\\/uploads\\\/2018\\\/11\\\/Residencial-Trac\\u0327at-05.jpg&quot;,&quot;title&quot;:&quot;Fabricaci\\u00f3n e instalaci\\u00f3n de carpinter\\u00eda de aluminio y vidrier\\u00eda en urbanizaci\\u00f3n de Tarragona&quot;},{&quot;src&quot;:&quot;https:\\\/\\\/www.garciafaura.com\\\/wp-content\\\/uploads\\\/2018\\\/11\\\/Residencial-Trac\\u0327at-04.jpg&quot;,&quot;title&quot;:&quot;Fabricaci\\u00f3n e instalaci\\u00f3n de carpinter\\u00eda de aluminio y vidrier\\u00eda en urbanizaci\\u00f3n de Tarragona&quot;},{&quot;src&quot;:&quot;https:\\\/\\\/www.garciafaura.com\\\/wp-content\\\/uploads\\\/2018\\\/11\\\/Residencial-Trac\\u0327at-03.jpg&quot;,&quot;title&quot;:&quot;Fabricaci\\u00f3n e instalaci\\u00f3n de carpinter\\u00eda de aluminio y vidrier\\u00eda en urbanizaci\\u00f3n de Tarragona&quot;},{&quot;src&quot;:&quot;https:\\\/\\\/www.garciafaura.com\\\/wp-content\\\/uploads\\\/2018\\\/11\\\/Residencial-Trac\\u0327at-02.jpg&quot;,&quot;title&quot;:&quot;Fabricaci\\u00f3n e instalaci\\u00f3n de carpinter\\u00eda de aluminio y vidrier\\u00eda en urbanizaci\\u00f3n de Tarragona&quot;}]\"><img decoding=\"async\" data-no-lazy=\"1\" class=\"portfolio-entry-img skip-lazy\" src=\"https:\/\/www.garciafaura.com\/wp-content\/uploads\/2018\/11\/Residencial-Trac\u0327at-01-x.jpg\" alt=\"Fabricaci\u00f3n E Instalaci\u00f3n De Carpinter\u00eda De Aluminio Y Vidrier\u00eda En Urbanizaci\u00f3n De Tarragona\" data-no-retina \/><\/a><\/div><div class=\"portfolio-entry-details entry-details wpex-clr\"><h2 class=\"portfolio-entry-title entry-title\"><a href=\"https:\/\/www.garciafaura.com\/es\/portfolio-item\/residencial-tracat\/\" title=\"Residencial Tra\u00e7at\">Residencial Tra\u00e7at<\/a><\/h2><div class=\"portfolio-entry-categories entry-categories wpex-clr\"><a href=\"https:\/\/www.garciafaura.com\/es\/portfolio-category\/conjuntos-residenciales\/\" class=\"term-46\">Conjuntos residenciales<\/a><\/div><\/div><\/div><\/div><div class=\"portfolio-entry vcex-grid-item entry-has-details span_1_of_3 col col-3 vcex-isotope-entry vcex-no-margin-entry post-18287 entry type-portfolio has-media cat-46 translation_priority-6\"><div class=\"portfolio-entry-inner entry-inner wpex-clr\"><div class=\"portfolio-entry-media entry-media wpex-clr\"><a href=\"https:\/\/www.garciafaura.com\/wp-content\/uploads\/2018\/11\/Promocio\u0301-carrer-Sant-Nicasi-01.jpg\" title=\"Promoci\u00f3n Sant Nicasi\" class=\"portfolio-entry-media-link wpex-lightbox-gallery\" data-gallery=\"[{&quot;src&quot;:&quot;https:\\\/\\\/www.garciafaura.com\\\/wp-content\\\/uploads\\\/2018\\\/11\\\/Promocio\\u0301-carrer-Sant-Nicasi-01.jpg&quot;,&quot;title&quot;:&quot;Ventanas y balconeras de aluminio de este conjunto residencial de Gav\\u00e0&quot;},{&quot;src&quot;:&quot;https:\\\/\\\/www.garciafaura.com\\\/wp-content\\\/uploads\\\/2018\\\/11\\\/Promocio\\u0301-carrer-Sant-Nicasi-07.jpg&quot;,&quot;title&quot;:&quot;Ventanas y balconeras de aluminio de este conjunto residencial de Gav\\u00e0&quot;},{&quot;src&quot;:&quot;https:\\\/\\\/www.garciafaura.com\\\/wp-content\\\/uploads\\\/2018\\\/11\\\/Promocio\\u0301-carrer-Sant-Nicasi-06.jpg&quot;,&quot;title&quot;:&quot;Ventanas y balconeras de aluminio de este conjunto residencial de Gav\\u00e0&quot;},{&quot;src&quot;:&quot;https:\\\/\\\/www.garciafaura.com\\\/wp-content\\\/uploads\\\/2018\\\/11\\\/Promocio\\u0301-carrer-Sant-Nicasi-05.jpg&quot;,&quot;title&quot;:&quot;Ventanas y balconeras de aluminio de este conjunto residencial de Gav\\u00e0&quot;},{&quot;src&quot;:&quot;https:\\\/\\\/www.garciafaura.com\\\/wp-content\\\/uploads\\\/2018\\\/11\\\/Promocio\\u0301-carrer-Sant-Nicasi-04.jpg&quot;,&quot;title&quot;:&quot;Ventanas y balconeras de aluminio de este conjunto residencial de Gav\\u00e0&quot;},{&quot;src&quot;:&quot;https:\\\/\\\/www.garciafaura.com\\\/wp-content\\\/uploads\\\/2018\\\/11\\\/Promocio\\u0301-carrer-Sant-Nicasi-03.jpg&quot;,&quot;title&quot;:&quot;Ventanas y balconeras de aluminio de este conjunto residencial de Gav\\u00e0&quot;},{&quot;src&quot;:&quot;https:\\\/\\\/www.garciafaura.com\\\/wp-content\\\/uploads\\\/2018\\\/11\\\/Promocio\\u0301-carrer-Sant-Nicasi-02.jpg&quot;,&quot;title&quot;:&quot;Ventanas y balconeras de aluminio de este conjunto residencial de Gav\\u00e0&quot;}]\"><img decoding=\"async\" data-no-lazy=\"1\" class=\"portfolio-entry-img skip-lazy\" src=\"https:\/\/www.garciafaura.com\/wp-content\/uploads\/2018\/11\/Promocio\u0301-carrer-Sant-Nicasi-01-x.jpg\" alt=\"Ventanas Y Balconeras De Aluminio De Este Conjunto Residencial De Gav\u00e0\" data-no-retina \/><\/a><\/div><div class=\"portfolio-entry-details entry-details wpex-clr\"><h2 class=\"portfolio-entry-title entry-title\"><a href=\"https:\/\/www.garciafaura.com\/es\/portfolio-item\/promocion-sant-nicasi\/\" title=\"Promoci\u00f3n Sant Nicasi\">Promoci\u00f3n Sant Nicasi<\/a><\/h2><div class=\"portfolio-entry-categories entry-categories wpex-clr\"><a href=\"https:\/\/www.garciafaura.com\/es\/portfolio-category\/conjuntos-residenciales\/\" class=\"term-46\">Conjuntos residenciales<\/a><\/div><\/div><\/div><\/div><div class=\"portfolio-entry vcex-grid-item entry-has-details span_1_of_3 col col-1 vcex-isotope-entry vcex-no-margin-entry post-18284 entry type-portfolio has-media cat-46 translation_priority-6\"><div class=\"portfolio-entry-inner entry-inner wpex-clr\"><div class=\"portfolio-entry-media entry-media wpex-clr\"><a href=\"https:\/\/www.garciafaura.com\/wp-content\/uploads\/2018\/11\/Promocio\u0301-carrer-Centre-05.jpg\" title=\"Promoci\u00f3n Centre\" class=\"portfolio-entry-media-link wpex-lightbox-gallery\" data-gallery=\"[{&quot;src&quot;:&quot;https:\\\/\\\/www.garciafaura.com\\\/wp-content\\\/uploads\\\/2018\\\/11\\\/Promocio\\u0301-carrer-Centre-01.jpg&quot;,&quot;title&quot;:&quot;Ventanas y balconeras de aluminio de este conjunto residencial de Gav\\u00e0&quot;},{&quot;src&quot;:&quot;https:\\\/\\\/www.garciafaura.com\\\/wp-content\\\/uploads\\\/2018\\\/11\\\/Promocio\\u0301-carrer-Centre-06.jpg&quot;,&quot;title&quot;:&quot;Ventanas y balconeras de aluminio de este conjunto residencial de Gav\\u00e0&quot;},{&quot;src&quot;:&quot;https:\\\/\\\/www.garciafaura.com\\\/wp-content\\\/uploads\\\/2018\\\/11\\\/Promocio\\u0301-carrer-Centre-05.jpg&quot;,&quot;title&quot;:&quot;Ventanas y balconeras de aluminio de este conjunto residencial de Gav\\u00e0&quot;},{&quot;src&quot;:&quot;https:\\\/\\\/www.garciafaura.com\\\/wp-content\\\/uploads\\\/2018\\\/11\\\/Promocio\\u0301-carrer-Centre-04.jpg&quot;,&quot;title&quot;:&quot;Ventanas y balconeras de aluminio de este conjunto residencial de Gav\\u00e0&quot;},{&quot;src&quot;:&quot;https:\\\/\\\/www.garciafaura.com\\\/wp-content\\\/uploads\\\/2018\\\/11\\\/Promocio\\u0301-carrer-Centre-03.jpg&quot;,&quot;title&quot;:&quot;Ventanas y balconeras de aluminio de este conjunto residencial de Gav\\u00e0&quot;},{&quot;src&quot;:&quot;https:\\\/\\\/www.garciafaura.com\\\/wp-content\\\/uploads\\\/2018\\\/11\\\/Promocio\\u0301-carrer-Centre-02.jpg&quot;,&quot;title&quot;:&quot;Ventanas y balconeras de aluminio de este conjunto residencial de Gav\\u00e0&quot;}]\"><img decoding=\"async\" data-no-lazy=\"1\" class=\"portfolio-entry-img skip-lazy\" src=\"https:\/\/www.garciafaura.com\/wp-content\/uploads\/2018\/11\/Promocio\u0301-carrer-Centre-05-x.jpg\" alt=\"Ventanas Y Balconeras De Aluminio De Este Conjunto Residencial De Gav\u00e0\" data-no-retina \/><\/a><\/div><div class=\"portfolio-entry-details entry-details wpex-clr\"><h2 class=\"portfolio-entry-title entry-title\"><a href=\"https:\/\/www.garciafaura.com\/es\/portfolio-item\/promocion-centre\/\" title=\"Promoci\u00f3n Centre\">Promoci\u00f3n Centre<\/a><\/h2><div class=\"portfolio-entry-categories entry-categories wpex-clr\"><a href=\"https:\/\/www.garciafaura.com\/es\/portfolio-category\/conjuntos-residenciales\/\" class=\"term-46\">Conjuntos residenciales<\/a><\/div><\/div><\/div><\/div><div class=\"portfolio-entry vcex-grid-item entry-has-details span_1_of_3 col col-2 vcex-isotope-entry vcex-no-margin-entry post-18281 entry type-portfolio has-media cat-46 translation_priority-6\"><div class=\"portfolio-entry-inner entry-inner wpex-clr\"><div class=\"portfolio-entry-media entry-media wpex-clr\"><a href=\"https:\/\/www.garciafaura.com\/wp-content\/uploads\/2018\/11\/Promocio\u0301-carrer-Major-02.jpg\" title=\"Promoci\u00f3n calle Major\" class=\"portfolio-entry-media-link wpex-lightbox-gallery\" data-gallery=\"[{&quot;src&quot;:&quot;https:\\\/\\\/www.garciafaura.com\\\/wp-content\\\/uploads\\\/2018\\\/11\\\/Promocio\\u0301-carrer-Major-01.jpg&quot;,&quot;title&quot;:&quot;Ventanas y balconeras de aluminio de este conjunto residencial de Gav\\u00e0&quot;},{&quot;src&quot;:&quot;https:\\\/\\\/www.garciafaura.com\\\/wp-content\\\/uploads\\\/2018\\\/11\\\/Promocio\\u0301-carrer-Major-05.jpg&quot;,&quot;title&quot;:&quot;Ventanas y balconeras de aluminio de este conjunto residencial de Gav\\u00e0&quot;},{&quot;src&quot;:&quot;https:\\\/\\\/www.garciafaura.com\\\/wp-content\\\/uploads\\\/2018\\\/11\\\/Promocio\\u0301-carrer-Major-04.jpg&quot;,&quot;title&quot;:&quot;Ventanas y balconeras de aluminio de este conjunto residencial de Gav\\u00e0&quot;},{&quot;src&quot;:&quot;https:\\\/\\\/www.garciafaura.com\\\/wp-content\\\/uploads\\\/2018\\\/11\\\/Promocio\\u0301-carrer-Major-03.jpg&quot;,&quot;title&quot;:&quot;Ventanas y balconeras de aluminio de este conjunto residencial de Gav\\u00e0&quot;},{&quot;src&quot;:&quot;https:\\\/\\\/www.garciafaura.com\\\/wp-content\\\/uploads\\\/2018\\\/11\\\/Promocio\\u0301-carrer-Major-02.jpg&quot;,&quot;title&quot;:&quot;Ventanas y balconeras de aluminio de este conjunto residencial de Gav\\u00e0&quot;}]\"><img decoding=\"async\" data-no-lazy=\"1\" class=\"portfolio-entry-img skip-lazy\" src=\"https:\/\/www.garciafaura.com\/wp-content\/uploads\/2018\/11\/Promocio\u0301-carrer-Major-02-x.jpg\" alt=\"Ventanas Y Balconeras De Aluminio De Este Conjunto Residencial De Gav\u00e0\" data-no-retina \/><\/a><\/div><div class=\"portfolio-entry-details entry-details wpex-clr\"><h2 class=\"portfolio-entry-title entry-title\"><a href=\"https:\/\/www.garciafaura.com\/es\/portfolio-item\/promocion-calle-major\/\" title=\"Promoci\u00f3n calle Major\">Promoci\u00f3n calle Major<\/a><\/h2><div class=\"portfolio-entry-categories entry-categories wpex-clr\"><a href=\"https:\/\/www.garciafaura.com\/es\/portfolio-category\/conjuntos-residenciales\/\" class=\"term-46\">Conjuntos residenciales<\/a><\/div><\/div><\/div><\/div><div class=\"portfolio-entry vcex-grid-item entry-has-details span_1_of_3 col col-3 vcex-isotope-entry vcex-no-margin-entry post-18277 entry type-portfolio has-media cat-46 translation_priority-6\"><div class=\"portfolio-entry-inner entry-inner wpex-clr\"><div class=\"portfolio-entry-media entry-media wpex-clr\"><a href=\"https:\/\/www.garciafaura.com\/wp-content\/uploads\/2018\/11\/Promocio\u0301-carrer-Rius-i-Taulet-01.jpg\" title=\"Promoci\u00f3n Rius i Taulet\" class=\"portfolio-entry-media-link wpex-lightbox-gallery\" data-gallery=\"[{&quot;src&quot;:&quot;https:\\\/\\\/www.garciafaura.com\\\/wp-content\\\/uploads\\\/2018\\\/11\\\/Promocio\\u0301-carrer-Rius-i-Taulet-01.jpg&quot;,&quot;title&quot;:&quot;Ventanas y balconeras de aluminio de este conjunto residencial de Gav\\u00e0&quot;},{&quot;src&quot;:&quot;https:\\\/\\\/www.garciafaura.com\\\/wp-content\\\/uploads\\\/2018\\\/11\\\/Promocio\\u0301-carrer-Rius-i-Taulet-05.jpg&quot;,&quot;title&quot;:&quot;Ventanas y balconeras de aluminio de este conjunto residencial de Gav\\u00e0&quot;},{&quot;src&quot;:&quot;https:\\\/\\\/www.garciafaura.com\\\/wp-content\\\/uploads\\\/2018\\\/11\\\/Promocio\\u0301-carrer-Rius-i-Taulet-04.jpg&quot;,&quot;title&quot;:&quot;Ventanas y balconeras de aluminio de este conjunto residencial de Gav\\u00e0&quot;},{&quot;src&quot;:&quot;https:\\\/\\\/www.garciafaura.com\\\/wp-content\\\/uploads\\\/2018\\\/11\\\/Promocio\\u0301-carrer-Rius-i-Taulet-03.jpg&quot;,&quot;title&quot;:&quot;Ventanas y balconeras de aluminio de este conjunto residencial de Gav\\u00e0&quot;},{&quot;src&quot;:&quot;https:\\\/\\\/www.garciafaura.com\\\/wp-content\\\/uploads\\\/2018\\\/11\\\/Promocio\\u0301-carrer-Rius-i-Taulet-02.jpg&quot;,&quot;title&quot;:&quot;Ventanas y balconeras de aluminio de este conjunto residencial de Gav\\u00e0&quot;}]\"><img decoding=\"async\" data-no-lazy=\"1\" class=\"portfolio-entry-img skip-lazy\" src=\"https:\/\/www.garciafaura.com\/wp-content\/uploads\/2018\/11\/Promocio\u0301-carrer-Rius-i-Taulet-01-x.jpg\" alt=\"Ventanas Y Balconeras De Aluminio De Este Conjunto Residencial De Gav\u00e0\" data-no-retina \/><\/a><\/div><div class=\"portfolio-entry-details entry-details wpex-clr\"><h2 class=\"portfolio-entry-title entry-title\"><a href=\"https:\/\/www.garciafaura.com\/es\/portfolio-item\/promocion-rius-i-taulet\/\" title=\"Promoci\u00f3n Rius i Taulet\">Promoci\u00f3n Rius i Taulet<\/a><\/h2><div class=\"portfolio-entry-categories entry-categories wpex-clr\"><a href=\"https:\/\/www.garciafaura.com\/es\/portfolio-category\/conjuntos-residenciales\/\" class=\"term-46\">Conjuntos residenciales<\/a><\/div><\/div><\/div><\/div><div class=\"portfolio-entry vcex-grid-item entry-has-details span_1_of_3 col col-1 vcex-isotope-entry vcex-no-margin-entry post-18274 entry type-portfolio has-media cat-46 translation_priority-6\"><div class=\"portfolio-entry-inner entry-inner wpex-clr\"><div class=\"portfolio-entry-media entry-media wpex-clr\"><a href=\"https:\/\/www.garciafaura.com\/wp-content\/uploads\/2018\/11\/Gava\u0300-carretera-01.jpg\" title=\"Promoci\u00f3n Carretera Gav\u00e0 2\" class=\"portfolio-entry-media-link wpex-lightbox-gallery\" data-gallery=\"[{&quot;src&quot;:&quot;https:\\\/\\\/www.garciafaura.com\\\/wp-content\\\/uploads\\\/2018\\\/11\\\/Gava\\u0300-carretera-01.jpg&quot;,&quot;title&quot;:&quot;Fachada y cerramientos en aluminio y vidrio en Gav\\u00e0&quot;},{&quot;src&quot;:&quot;https:\\\/\\\/www.garciafaura.com\\\/wp-content\\\/uploads\\\/2018\\\/11\\\/Gava\\u0300-carretera-04.jpg&quot;,&quot;title&quot;:&quot;Fachada y cerramientos en aluminio y vidrio en Gav\\u00e0&quot;},{&quot;src&quot;:&quot;https:\\\/\\\/www.garciafaura.com\\\/wp-content\\\/uploads\\\/2018\\\/11\\\/Gava\\u0300-carretera-03.jpg&quot;,&quot;title&quot;:&quot;Fachada y cerramientos en aluminio y vidrio en Gav\\u00e0&quot;},{&quot;src&quot;:&quot;https:\\\/\\\/www.garciafaura.com\\\/wp-content\\\/uploads\\\/2018\\\/11\\\/Gava\\u0300-carretera-02.jpg&quot;,&quot;title&quot;:&quot;Fachada y cerramientos en aluminio y vidrio en Gav\\u00e0&quot;}]\"><img decoding=\"async\" data-no-lazy=\"1\" class=\"portfolio-entry-img skip-lazy\" src=\"https:\/\/www.garciafaura.com\/wp-content\/uploads\/2018\/11\/Gava\u0300-carretera-01-x.jpg\" alt=\"Fachada Y Cerramientos En Aluminio Y Vidrio En Gav\u00e0\" data-no-retina \/><\/a><\/div><div class=\"portfolio-entry-details entry-details wpex-clr\"><h2 class=\"portfolio-entry-title entry-title\"><a href=\"https:\/\/www.garciafaura.com\/es\/portfolio-item\/promocion-carretera-gava-2\/\" title=\"Promoci\u00f3n Carretera Gav\u00e0 2\">Promoci\u00f3n Carretera Gav\u00e0 2<\/a><\/h2><div class=\"portfolio-entry-categories entry-categories wpex-clr\"><a href=\"https:\/\/www.garciafaura.com\/es\/portfolio-category\/conjuntos-residenciales\/\" class=\"term-46\">Conjuntos residenciales<\/a><\/div><\/div><\/div><\/div><div class=\"portfolio-entry vcex-grid-item entry-has-details span_1_of_3 col col-2 vcex-isotope-entry vcex-no-margin-entry post-18271 entry type-portfolio has-media cat-46 translation_priority-6\"><div class=\"portfolio-entry-inner entry-inner wpex-clr\"><div class=\"portfolio-entry-media entry-media wpex-clr\"><a href=\"https:\/\/www.garciafaura.com\/wp-content\/uploads\/2018\/11\/Promocio\u0301-carretera-Gava\u0300-01.jpg\" title=\"Promoci\u00f3n Carretera Gav\u00e0 1\" class=\"portfolio-entry-media-link wpex-lightbox-gallery\" data-gallery=\"[{&quot;src&quot;:&quot;https:\\\/\\\/www.garciafaura.com\\\/wp-content\\\/uploads\\\/2018\\\/11\\\/Promocio\\u0301-carretera-Gava\\u0300-01.jpg&quot;,&quot;title&quot;:&quot;Ventanas y balconeras de aluminio de este conjunto residencial de Gav\\u00e0&quot;},{&quot;src&quot;:&quot;https:\\\/\\\/www.garciafaura.com\\\/wp-content\\\/uploads\\\/2018\\\/11\\\/Promocio\\u0301-carretera-Gava\\u0300-07.jpg&quot;,&quot;title&quot;:&quot;Ventanas y balconeras de aluminio de este conjunto residencial de Gav\\u00e0&quot;},{&quot;src&quot;:&quot;https:\\\/\\\/www.garciafaura.com\\\/wp-content\\\/uploads\\\/2018\\\/11\\\/Promocio\\u0301-carretera-Gava\\u0300-06.jpg&quot;,&quot;title&quot;:&quot;Ventanas y balconeras de aluminio de este conjunto residencial de Gav\\u00e0&quot;},{&quot;src&quot;:&quot;https:\\\/\\\/www.garciafaura.com\\\/wp-content\\\/uploads\\\/2018\\\/11\\\/Promocio\\u0301-carretera-Gava\\u0300-05.jpg&quot;,&quot;title&quot;:&quot;Ventanas y balconeras de aluminio de este conjunto residencial de Gav\\u00e0&quot;},{&quot;src&quot;:&quot;https:\\\/\\\/www.garciafaura.com\\\/wp-content\\\/uploads\\\/2018\\\/11\\\/Promocio\\u0301-carretera-Gava\\u0300-04.jpg&quot;,&quot;title&quot;:&quot;Ventanas y balconeras de aluminio de este conjunto residencial de Gav\\u00e0&quot;},{&quot;src&quot;:&quot;https:\\\/\\\/www.garciafaura.com\\\/wp-content\\\/uploads\\\/2018\\\/11\\\/Promocio\\u0301-carretera-Gava\\u0300-03.jpg&quot;,&quot;title&quot;:&quot;Ventanas y balconeras de aluminio de este conjunto residencial de Gav\\u00e0&quot;},{&quot;src&quot;:&quot;https:\\\/\\\/www.garciafaura.com\\\/wp-content\\\/uploads\\\/2018\\\/11\\\/Promocio\\u0301-carretera-Gava\\u0300-02.jpg&quot;,&quot;title&quot;:&quot;Ventanas y balconeras de aluminio de este conjunto residencial de Gav\\u00e0&quot;}]\"><img decoding=\"async\" data-no-lazy=\"1\" class=\"portfolio-entry-img skip-lazy\" src=\"https:\/\/www.garciafaura.com\/wp-content\/uploads\/2018\/11\/Promocio\u0301-carretera-Gava\u0300-01-x.jpg\" alt=\"Ventanas Y Balconeras De Aluminio De Este Conjunto Residencial De Gav\u00e0\" data-no-retina \/><\/a><\/div><div class=\"portfolio-entry-details entry-details wpex-clr\"><h2 class=\"portfolio-entry-title entry-title\"><a href=\"https:\/\/www.garciafaura.com\/es\/portfolio-item\/promocion-carretera-gava-1\/\" title=\"Promoci\u00f3n Carretera Gav\u00e0 1\">Promoci\u00f3n Carretera Gav\u00e0 1<\/a><\/h2><div class=\"portfolio-entry-categories entry-categories wpex-clr\"><a href=\"https:\/\/www.garciafaura.com\/es\/portfolio-category\/conjuntos-residenciales\/\" class=\"term-46\">Conjuntos residenciales<\/a><\/div><\/div><\/div><\/div><div class=\"portfolio-entry vcex-grid-item entry-has-details span_1_of_3 col col-3 vcex-isotope-entry vcex-no-margin-entry post-18268 entry type-portfolio has-media cat-46 translation_priority-6\"><div class=\"portfolio-entry-inner entry-inner wpex-clr\"><div class=\"portfolio-entry-media entry-media wpex-clr\"><a href=\"https:\/\/www.garciafaura.com\/wp-content\/uploads\/2018\/11\/Promocio\u0301-carrer-Moreres-01.jpg\" title=\"Promoci\u00f3n Moreres\" class=\"portfolio-entry-media-link wpex-lightbox-gallery\" data-gallery=\"[{&quot;src&quot;:&quot;https:\\\/\\\/www.garciafaura.com\\\/wp-content\\\/uploads\\\/2018\\\/11\\\/Promocio\\u0301-carrer-Moreres-01.jpg&quot;,&quot;title&quot;:&quot;Ventanas y balconeras de aluminio de este conjunto residencial de Gav\\u00e0&quot;},{&quot;src&quot;:&quot;https:\\\/\\\/www.garciafaura.com\\\/wp-content\\\/uploads\\\/2018\\\/11\\\/Promocio\\u0301-carrer-Moreres-02.jpg&quot;}]\"><img decoding=\"async\" data-no-lazy=\"1\" class=\"portfolio-entry-img skip-lazy\" src=\"https:\/\/www.garciafaura.com\/wp-content\/uploads\/2018\/11\/Promocio\u0301-carrer-Moreres-01-x.jpg\" alt=\"Ventanas Y Balconeras De Aluminio De Este Conjunto Residencial De Gav\u00e0\" data-no-retina \/><\/a><\/div><div class=\"portfolio-entry-details entry-details wpex-clr\"><h2 class=\"portfolio-entry-title entry-title\"><a href=\"https:\/\/www.garciafaura.com\/es\/portfolio-item\/promocion-moreres\/\" title=\"Promoci\u00f3n Moreres\">Promoci\u00f3n Moreres<\/a><\/h2><div class=\"portfolio-entry-categories entry-categories wpex-clr\"><a href=\"https:\/\/www.garciafaura.com\/es\/portfolio-category\/conjuntos-residenciales\/\" class=\"term-46\">Conjuntos residenciales<\/a><\/div><\/div><\/div><\/div><div class=\"portfolio-entry vcex-grid-item entry-has-details span_1_of_3 col col-1 vcex-isotope-entry vcex-no-margin-entry post-18265 entry type-portfolio has-media cat-46 translation_priority-6\"><div class=\"portfolio-entry-inner entry-inner wpex-clr\"><div class=\"portfolio-entry-media entry-media wpex-clr\"><a href=\"https:\/\/www.garciafaura.com\/wp-content\/uploads\/2018\/11\/Promocio\u0301-carrer-Indu\u0301stria-01.jpg\" title=\"Promoci\u00f3n calle Ind\u00fastria\" class=\"portfolio-entry-media-link wpex-lightbox-gallery\" data-gallery=\"[{&quot;src&quot;:&quot;https:\\\/\\\/www.garciafaura.com\\\/wp-content\\\/uploads\\\/2018\\\/11\\\/Promocio\\u0301-carrer-Indu\\u0301stria-01.jpg&quot;,&quot;title&quot;:&quot;Ventanas y balconeras de aluminio de este conjunto residencial de Gav\\u00e0&quot;},{&quot;src&quot;:&quot;https:\\\/\\\/www.garciafaura.com\\\/wp-content\\\/uploads\\\/2018\\\/11\\\/Promocio\\u0301-carrer-Indu\\u0301stria-03.jpg&quot;,&quot;title&quot;:&quot;Ventanas y balconeras de aluminio de este conjunto residencial de Gav\\u00e0&quot;},{&quot;src&quot;:&quot;https:\\\/\\\/www.garciafaura.com\\\/wp-content\\\/uploads\\\/2018\\\/11\\\/Promocio\\u0301-carrer-Indu\\u0301stria-02.jpg&quot;,&quot;title&quot;:&quot;Ventanas y balconeras de aluminio de este conjunto residencial de Gav\\u00e0&quot;}]\"><img decoding=\"async\" data-no-lazy=\"1\" class=\"portfolio-entry-img skip-lazy\" src=\"https:\/\/www.garciafaura.com\/wp-content\/uploads\/2018\/11\/Promocio\u0301-carrer-Indu\u0301stria-01-x.jpg\" alt=\"Ventanas Y Balconeras De Aluminio De Este Conjunto Residencial De Gav\u00e0\" data-no-retina \/><\/a><\/div><div class=\"portfolio-entry-details entry-details wpex-clr\"><h2 class=\"portfolio-entry-title entry-title\"><a href=\"https:\/\/www.garciafaura.com\/es\/portfolio-item\/promocion-calle-industria\/\" title=\"Promoci\u00f3n calle Ind\u00fastria\">Promoci\u00f3n calle Ind\u00fastria<\/a><\/h2><div class=\"portfolio-entry-categories entry-categories wpex-clr\"><a href=\"https:\/\/www.garciafaura.com\/es\/portfolio-category\/conjuntos-residenciales\/\" class=\"term-46\">Conjuntos residenciales<\/a><\/div><\/div><\/div><\/div><div class=\"portfolio-entry vcex-grid-item entry-has-details span_1_of_3 col col-2 vcex-isotope-entry vcex-no-margin-entry post-18253 entry type-portfolio has-media cat-46 translation_priority-6\"><div class=\"portfolio-entry-inner entry-inner wpex-clr\"><div class=\"portfolio-entry-media entry-media wpex-clr\"><a href=\"https:\/\/www.garciafaura.com\/wp-content\/uploads\/2018\/11\/Promocio\u0301-carrer-Tavern-01.jpg\" title=\"Viviendas Tavern\" class=\"portfolio-entry-media-link wpex-lightbox-gallery\" data-gallery=\"[{&quot;src&quot;:&quot;https:\\\/\\\/www.garciafaura.com\\\/wp-content\\\/uploads\\\/2018\\\/11\\\/Promocio\\u0301-carrer-Tavern-01.jpg&quot;,&quot;title&quot;:&quot;Trabajos de vidrier\\u00eda y aluminio en conjunto residencial de primer nivel en Barcelona&quot;},{&quot;src&quot;:&quot;https:\\\/\\\/www.garciafaura.com\\\/wp-content\\\/uploads\\\/2018\\\/11\\\/Promocio\\u0301-carrer-Tavern-05.jpg&quot;,&quot;title&quot;:&quot;Trabajos de vidrier\\u00eda y aluminio en conjunto residencial de primer nivel en Barcelona&quot;},{&quot;src&quot;:&quot;https:\\\/\\\/www.garciafaura.com\\\/wp-content\\\/uploads\\\/2018\\\/11\\\/Promocio\\u0301-carrer-Tavern-04.jpg&quot;,&quot;title&quot;:&quot;Trabajos de vidrier\\u00eda y aluminio en conjunto residencial de primer nivel en Barcelona&quot;},{&quot;src&quot;:&quot;https:\\\/\\\/www.garciafaura.com\\\/wp-content\\\/uploads\\\/2018\\\/11\\\/Promocio\\u0301-carrer-Tavern-03.jpg&quot;,&quot;title&quot;:&quot;Trabajos de vidrier\\u00eda y aluminio en conjunto residencial de primer nivel en Barcelona&quot;},{&quot;src&quot;:&quot;https:\\\/\\\/www.garciafaura.com\\\/wp-content\\\/uploads\\\/2018\\\/11\\\/Promocio\\u0301-carrer-Tavern-02.jpg&quot;,&quot;title&quot;:&quot;Trabajos de vidrier\\u00eda y aluminio en conjunto residencial de primer nivel en Barcelona&quot;}]\"><img decoding=\"async\" data-no-lazy=\"1\" class=\"portfolio-entry-img skip-lazy\" src=\"https:\/\/www.garciafaura.com\/wp-content\/uploads\/2018\/11\/Promocio\u0301-carrer-Tavern-01-x.jpg\" alt=\"Trabajos De Vidrier\u00eda Y Aluminio En Conjunto Residencial De Primer Nivel En Barcelona\" data-no-retina \/><\/a><\/div><div class=\"portfolio-entry-details entry-details wpex-clr\"><h2 class=\"portfolio-entry-title entry-title\"><a href=\"https:\/\/www.garciafaura.com\/es\/portfolio-item\/viviendas-tavern\/\" title=\"Viviendas Tavern\">Viviendas Tavern<\/a><\/h2><div class=\"portfolio-entry-categories entry-categories wpex-clr\"><a href=\"https:\/\/www.garciafaura.com\/es\/portfolio-category\/conjuntos-residenciales\/\" class=\"term-46\">Conjuntos residenciales<\/a><\/div><\/div><\/div><\/div><div class=\"portfolio-entry vcex-grid-item entry-has-details span_1_of_3 col col-3 vcex-isotope-entry vcex-no-margin-entry post-18232 entry type-portfolio has-media cat-46 translation_priority-6\"><div class=\"portfolio-entry-inner entry-inner wpex-clr\"><div class=\"portfolio-entry-media entry-media wpex-clr\"><a href=\"https:\/\/www.garciafaura.com\/wp-content\/uploads\/2018\/11\/Complex-residencial-Vilamarina-01.jpg\" title=\"Complejo residencial Vilamarina\" class=\"portfolio-entry-media-link wpex-lightbox-gallery\" data-gallery=\"[{&quot;src&quot;:&quot;https:\\\/\\\/www.garciafaura.com\\\/wp-content\\\/uploads\\\/2018\\\/11\\\/Complex-residencial-Vilamarina-01.jpg&quot;,&quot;title&quot;:&quot;Cerramientos interiores y exteriores y vidrier\\u00edas de estos 10 bloques de viviendas en Viladecans&quot;},{&quot;src&quot;:&quot;https:\\\/\\\/www.garciafaura.com\\\/wp-content\\\/uploads\\\/2018\\\/11\\\/Complex-residencial-Vilamarina-10.jpg&quot;,&quot;title&quot;:&quot;Cerramientos interiores y exteriores y vidrier\\u00edas de estos 10 bloques de viviendas en Viladecans&quot;},{&quot;src&quot;:&quot;https:\\\/\\\/www.garciafaura.com\\\/wp-content\\\/uploads\\\/2018\\\/11\\\/Complex-residencial-Vilamarina-09.jpg&quot;,&quot;title&quot;:&quot;Cerramientos interiores y exteriores y vidrier\\u00edas de estos 10 bloques de viviendas en Viladecans&quot;},{&quot;src&quot;:&quot;https:\\\/\\\/www.garciafaura.com\\\/wp-content\\\/uploads\\\/2018\\\/11\\\/Complex-residencial-Vilamarina-08.jpg&quot;,&quot;title&quot;:&quot;Cerramientos interiores y exteriores y vidrier\\u00edas de estos 10 bloques de viviendas en Viladecans&quot;},{&quot;src&quot;:&quot;https:\\\/\\\/www.garciafaura.com\\\/wp-content\\\/uploads\\\/2018\\\/11\\\/Complex-residencial-Vilamarina-07.jpg&quot;,&quot;title&quot;:&quot;Cerramientos interiores y exteriores y vidrier\\u00edas de estos 10 bloques de viviendas en Viladecans&quot;},{&quot;src&quot;:&quot;https:\\\/\\\/www.garciafaura.com\\\/wp-content\\\/uploads\\\/2018\\\/11\\\/Complex-residencial-Vilamarina-06.jpg&quot;,&quot;title&quot;:&quot;Cerramientos interiores y exteriores y vidrier\\u00edas de estos 10 bloques de viviendas en Viladecans&quot;},{&quot;src&quot;:&quot;https:\\\/\\\/www.garciafaura.com\\\/wp-content\\\/uploads\\\/2018\\\/11\\\/Complex-residencial-Vilamarina-05.jpg&quot;,&quot;title&quot;:&quot;Cerramientos interiores y exteriores y vidrier\\u00edas de estos 10 bloques de viviendas en Viladecans&quot;},{&quot;src&quot;:&quot;https:\\\/\\\/www.garciafaura.com\\\/wp-content\\\/uploads\\\/2018\\\/11\\\/Complex-residencial-Vilamarina-04.jpg&quot;,&quot;title&quot;:&quot;Cerramientos interiores y exteriores y vidrier\\u00edas de estos 10 bloques de viviendas en Viladecans&quot;},{&quot;src&quot;:&quot;https:\\\/\\\/www.garciafaura.com\\\/wp-content\\\/uploads\\\/2018\\\/11\\\/Complex-residencial-Vilamarina-03.jpg&quot;,&quot;title&quot;:&quot;Cerramientos interiores y exteriores y vidrier\\u00edas de estos 10 bloques de viviendas en Viladecans&quot;},{&quot;src&quot;:&quot;https:\\\/\\\/www.garciafaura.com\\\/wp-content\\\/uploads\\\/2018\\\/11\\\/Complex-residencial-Vilamarina-02.jpg&quot;,&quot;title&quot;:&quot;Cerramientos interiores y exteriores y vidrier\\u00edas de estos 10 bloques de viviendas en Viladecans&quot;}]\"><img decoding=\"async\" data-no-lazy=\"1\" class=\"portfolio-entry-img skip-lazy\" src=\"https:\/\/www.garciafaura.com\/wp-content\/uploads\/2018\/11\/Complex-residencial-Vilamarina-01-x.jpg\" alt=\"Cerramientos Interiores Y Exteriores Y Vidrier\u00edas De Estos 10 Bloques De Viviendas En Viladecans\" data-no-retina \/><\/a><\/div><div class=\"portfolio-entry-details entry-details wpex-clr\"><h2 class=\"portfolio-entry-title entry-title\"><a href=\"https:\/\/www.garciafaura.com\/es\/portfolio-item\/complejo-residencial-vilamarina\/\" title=\"Complejo residencial Vilamarina\">Complejo residencial Vilamarina<\/a><\/h2><div class=\"portfolio-entry-categories entry-categories wpex-clr\"><a href=\"https:\/\/www.garciafaura.com\/es\/portfolio-category\/conjuntos-residenciales\/\" class=\"term-46\">Conjuntos residenciales<\/a><\/div><\/div><\/div><\/div><div class=\"portfolio-entry vcex-grid-item entry-has-details span_1_of_3 col col-1 vcex-isotope-entry vcex-no-margin-entry post-18229 entry type-portfolio has-media cat-46 translation_priority-6\"><div class=\"portfolio-entry-inner entry-inner wpex-clr\"><div class=\"portfolio-entry-media entry-media wpex-clr\"><a href=\"https:\/\/www.garciafaura.com\/wp-content\/uploads\/2018\/11\/Complex-residencial-Les-Franceses-01.jpg\" title=\"Complejo residencial Les Franceses\" class=\"portfolio-entry-media-link wpex-lightbox-gallery\" data-gallery=\"[{&quot;src&quot;:&quot;https:\\\/\\\/www.garciafaura.com\\\/wp-content\\\/uploads\\\/2018\\\/11\\\/Complex-residencial-Les-Franceses-01.jpg&quot;,&quot;title&quot;:&quot;Trabajos de carpinter\\u00eda de aluminio de este complejo de viviendas en Sant Feliu de Llobregat&quot;},{&quot;src&quot;:&quot;https:\\\/\\\/www.garciafaura.com\\\/wp-content\\\/uploads\\\/2018\\\/11\\\/Complex-residencial-Les-Franceses-14.jpg&quot;,&quot;title&quot;:&quot;Trabajos de carpinter\\u00eda de aluminio de este complejo de viviendas en Sant Feliu de Llobregat&quot;},{&quot;src&quot;:&quot;https:\\\/\\\/www.garciafaura.com\\\/wp-content\\\/uploads\\\/2018\\\/11\\\/Complex-residencial-Les-Franceses-13.jpg&quot;,&quot;title&quot;:&quot;Trabajos de carpinter\\u00eda de aluminio de este complejo de viviendas en Sant Feliu de Llobregat&quot;},{&quot;src&quot;:&quot;https:\\\/\\\/www.garciafaura.com\\\/wp-content\\\/uploads\\\/2018\\\/11\\\/Complex-residencial-Les-Franceses-12.jpg&quot;,&quot;title&quot;:&quot;Trabajos de carpinter\\u00eda de aluminio de este complejo de viviendas en Sant Feliu de Llobregat&quot;},{&quot;src&quot;:&quot;https:\\\/\\\/www.garciafaura.com\\\/wp-content\\\/uploads\\\/2018\\\/11\\\/Complex-residencial-Les-Franceses-11.jpg&quot;,&quot;title&quot;:&quot;Trabajos de carpinter\\u00eda de aluminio de este complejo de viviendas en Sant Feliu de Llobregat&quot;},{&quot;src&quot;:&quot;https:\\\/\\\/www.garciafaura.com\\\/wp-content\\\/uploads\\\/2018\\\/11\\\/Complex-residencial-Les-Franceses-10.jpg&quot;,&quot;title&quot;:&quot;Trabajos de carpinter\\u00eda de aluminio de este complejo de viviendas en Sant Feliu de Llobregat&quot;},{&quot;src&quot;:&quot;https:\\\/\\\/www.garciafaura.com\\\/wp-content\\\/uploads\\\/2018\\\/11\\\/Complex-residencial-Les-Franceses-09.jpg&quot;,&quot;title&quot;:&quot;Trabajos de carpinter\\u00eda de aluminio de este complejo de viviendas en Sant Feliu de Llobregat&quot;},{&quot;src&quot;:&quot;https:\\\/\\\/www.garciafaura.com\\\/wp-content\\\/uploads\\\/2018\\\/11\\\/Complex-residencial-Les-Franceses-08.jpg&quot;,&quot;title&quot;:&quot;Trabajos de carpinter\\u00eda de aluminio de este complejo de viviendas en Sant Feliu de Llobregat&quot;},{&quot;src&quot;:&quot;https:\\\/\\\/www.garciafaura.com\\\/wp-content\\\/uploads\\\/2018\\\/11\\\/Complex-residencial-Les-Franceses-07.jpg&quot;,&quot;title&quot;:&quot;Trabajos de carpinter\\u00eda de aluminio de este complejo de viviendas en Sant Feliu de Llobregat&quot;},{&quot;src&quot;:&quot;https:\\\/\\\/www.garciafaura.com\\\/wp-content\\\/uploads\\\/2018\\\/11\\\/Complex-residencial-Les-Franceses-06.jpg&quot;,&quot;title&quot;:&quot;Trabajos de carpinter\\u00eda de aluminio de este complejo de viviendas en Sant Feliu de Llobregat&quot;},{&quot;src&quot;:&quot;https:\\\/\\\/www.garciafaura.com\\\/wp-content\\\/uploads\\\/2018\\\/11\\\/Complex-residencial-Les-Franceses-05.jpg&quot;,&quot;title&quot;:&quot;Trabajos de carpinter\\u00eda de aluminio de este complejo de viviendas en Sant Feliu de Llobregat&quot;},{&quot;src&quot;:&quot;https:\\\/\\\/www.garciafaura.com\\\/wp-content\\\/uploads\\\/2018\\\/11\\\/Complex-residencial-Les-Franceses-04.jpg&quot;,&quot;title&quot;:&quot;Trabajos de carpinter\\u00eda de aluminio de este complejo de viviendas en Sant Feliu de Llobregat&quot;},{&quot;src&quot;:&quot;https:\\\/\\\/www.garciafaura.com\\\/wp-content\\\/uploads\\\/2018\\\/11\\\/Complex-residencial-Les-Franceses-03.jpg&quot;,&quot;title&quot;:&quot;Trabajos de carpinter\\u00eda de aluminio de este complejo de viviendas en Sant Feliu de Llobregat&quot;},{&quot;src&quot;:&quot;https:\\\/\\\/www.garciafaura.com\\\/wp-content\\\/uploads\\\/2018\\\/11\\\/Complex-residencial-Les-Franceses-02.jpg&quot;,&quot;title&quot;:&quot;Trabajos de carpinter\\u00eda de aluminio de este complejo de viviendas en Sant Feliu de Llobregat&quot;}]\"><img decoding=\"async\" data-no-lazy=\"1\" class=\"portfolio-entry-img skip-lazy\" src=\"https:\/\/www.garciafaura.com\/wp-content\/uploads\/2018\/11\/Complex-residencial-Les-Franceses-01-x.jpg\" alt=\"Trabajos De Carpinter\u00eda De Aluminio De Este Complejo De Viviendas En Sant Feliu De Llobregat\" data-no-retina \/><\/a><\/div><div class=\"portfolio-entry-details entry-details wpex-clr\"><h2 class=\"portfolio-entry-title entry-title\"><a href=\"https:\/\/www.garciafaura.com\/es\/portfolio-item\/complejo-residencial-les-franceses\/\" title=\"Complejo residencial Les Franceses\">Complejo residencial Les Franceses<\/a><\/h2><div class=\"portfolio-entry-categories entry-categories wpex-clr\"><a href=\"https:\/\/www.garciafaura.com\/es\/portfolio-category\/conjuntos-residenciales\/\" class=\"term-46\">Conjuntos residenciales<\/a><\/div><\/div><\/div><\/div><div class=\"portfolio-entry vcex-grid-item entry-has-details span_1_of_3 col col-2 vcex-isotope-entry vcex-no-margin-entry post-18223 entry type-portfolio has-media cat-46 translation_priority-6\"><div class=\"portfolio-entry-inner entry-inner wpex-clr\"><div class=\"portfolio-entry-media entry-media wpex-clr\"><a href=\"https:\/\/www.garciafaura.com\/wp-content\/uploads\/2018\/11\/Torre-Blanca-11.jpg\" title=\"Torre Blanca\" class=\"portfolio-entry-media-link wpex-lightbox-gallery\" data-gallery=\"[{&quot;src&quot;:&quot;https:\\\/\\\/www.garciafaura.com\\\/wp-content\\\/uploads\\\/2018\\\/11\\\/Torre-Blanca-01.jpg&quot;,&quot;title&quot;:&quot;Conjunto residencial de 100 viviendas obra del arquitecto Oriol Bohigas&quot;},{&quot;src&quot;:&quot;https:\\\/\\\/www.garciafaura.com\\\/wp-content\\\/uploads\\\/2018\\\/11\\\/Torre-Blanca-13.jpg&quot;,&quot;title&quot;:&quot;Conjunto residencial de 100 viviendas obra del arquitecto Oriol Bohigas&quot;},{&quot;src&quot;:&quot;https:\\\/\\\/www.garciafaura.com\\\/wp-content\\\/uploads\\\/2018\\\/11\\\/Torre-Blanca-12.jpg&quot;,&quot;title&quot;:&quot;Conjunto residencial de 100 viviendas obra del arquitecto Oriol Bohigas&quot;},{&quot;src&quot;:&quot;https:\\\/\\\/www.garciafaura.com\\\/wp-content\\\/uploads\\\/2018\\\/11\\\/Torre-Blanca-11.jpg&quot;,&quot;title&quot;:&quot;Conjunto residencial de 100 viviendas obra del arquitecto Oriol Bohigas&quot;},{&quot;src&quot;:&quot;https:\\\/\\\/www.garciafaura.com\\\/wp-content\\\/uploads\\\/2018\\\/11\\\/Torre-Blanca-10.jpg&quot;,&quot;title&quot;:&quot;Conjunto residencial de 100 viviendas obra del arquitecto Oriol Bohigas&quot;},{&quot;src&quot;:&quot;https:\\\/\\\/www.garciafaura.com\\\/wp-content\\\/uploads\\\/2018\\\/11\\\/Torre-Blanca-09.jpg&quot;,&quot;title&quot;:&quot;Conjunto residencial de 100 viviendas obra del arquitecto Oriol Bohigas&quot;},{&quot;src&quot;:&quot;https:\\\/\\\/www.garciafaura.com\\\/wp-content\\\/uploads\\\/2018\\\/11\\\/Torre-Blanca-07.jpg&quot;,&quot;title&quot;:&quot;Conjunto residencial de 100 viviendas obra del arquitecto Oriol Bohigas&quot;},{&quot;src&quot;:&quot;https:\\\/\\\/www.garciafaura.com\\\/wp-content\\\/uploads\\\/2018\\\/11\\\/Torre-Blanca-08.jpg&quot;,&quot;title&quot;:&quot;Conjunto residencial de 100 viviendas obra del arquitecto Oriol Bohigas&quot;},{&quot;src&quot;:&quot;https:\\\/\\\/www.garciafaura.com\\\/wp-content\\\/uploads\\\/2018\\\/11\\\/Torre-Blanca-06.jpg&quot;,&quot;title&quot;:&quot;Conjunto residencial de 100 viviendas obra del arquitecto Oriol Bohigas&quot;},{&quot;src&quot;:&quot;https:\\\/\\\/www.garciafaura.com\\\/wp-content\\\/uploads\\\/2018\\\/11\\\/Torre-Blanca-05.jpg&quot;,&quot;title&quot;:&quot;Conjunto residencial de 100 viviendas obra del arquitecto Oriol Bohigas&quot;},{&quot;src&quot;:&quot;https:\\\/\\\/www.garciafaura.com\\\/wp-content\\\/uploads\\\/2018\\\/11\\\/Torre-Blanca-04.jpg&quot;,&quot;title&quot;:&quot;Conjunto residencial de 100 viviendas obra del arquitecto Oriol Bohigas&quot;},{&quot;src&quot;:&quot;https:\\\/\\\/www.garciafaura.com\\\/wp-content\\\/uploads\\\/2018\\\/11\\\/Torre-Blanca-03.jpg&quot;,&quot;title&quot;:&quot;Conjunto residencial de 100 viviendas obra del arquitecto Oriol Bohigas&quot;},{&quot;src&quot;:&quot;https:\\\/\\\/www.garciafaura.com\\\/wp-content\\\/uploads\\\/2018\\\/11\\\/Torre-Blanca-02.jpg&quot;,&quot;title&quot;:&quot;Conjunto residencial de 100 viviendas obra del arquitecto Oriol Bohigas&quot;}]\"><img decoding=\"async\" data-no-lazy=\"1\" class=\"portfolio-entry-img skip-lazy\" src=\"https:\/\/www.garciafaura.com\/wp-content\/uploads\/2018\/11\/Torre-Blanca-11-x.jpg\" alt=\"Conjunto Residencial De 100 Viviendas Obra Del Arquitecto Oriol Bohigas\" data-no-retina \/><\/a><\/div><div class=\"portfolio-entry-details entry-details wpex-clr\"><h2 class=\"portfolio-entry-title entry-title\"><a href=\"https:\/\/www.garciafaura.com\/es\/portfolio-item\/torre-blanca\/\" title=\"Torre Blanca\">Torre Blanca<\/a><\/h2><div class=\"portfolio-entry-categories entry-categories wpex-clr\"><a href=\"https:\/\/www.garciafaura.com\/es\/portfolio-category\/conjuntos-residenciales\/\" class=\"term-46\">Conjuntos residenciales<\/a><\/div><\/div><\/div><\/div><div class=\"portfolio-entry vcex-grid-item entry-has-details span_1_of_3 col col-3 vcex-isotope-entry vcex-no-margin-entry post-18205 entry type-portfolio has-media cat-46 translation_priority-6\"><div class=\"portfolio-entry-inner entry-inner wpex-clr\"><div class=\"portfolio-entry-media entry-media wpex-clr\"><a href=\"https:\/\/www.garciafaura.com\/wp-content\/uploads\/2018\/11\/Promocio\u0301-Pere-Calders-06.jpg\" title=\"Promoci\u00f3n Pere Calders\" class=\"portfolio-entry-media-link wpex-lightbox-gallery\" data-gallery=\"[{&quot;src&quot;:&quot;https:\\\/\\\/www.garciafaura.com\\\/wp-content\\\/uploads\\\/2018\\\/11\\\/Promocio\\u0301-Pere-Calders-01.jpg&quot;,&quot;title&quot;:&quot;Fachada y cerramientos en aluminio y vidrio&quot;},{&quot;src&quot;:&quot;https:\\\/\\\/www.garciafaura.com\\\/wp-content\\\/uploads\\\/2018\\\/11\\\/Promocio\\u0301-Pere-Calders-08.jpg&quot;,&quot;title&quot;:&quot;Fachada y cerramientos en aluminio y vidrio&quot;},{&quot;src&quot;:&quot;https:\\\/\\\/www.garciafaura.com\\\/wp-content\\\/uploads\\\/2018\\\/11\\\/Promocio\\u0301-Pere-Calders-07.jpg&quot;,&quot;title&quot;:&quot;Fachada y cerramientos en aluminio y vidrio&quot;},{&quot;src&quot;:&quot;https:\\\/\\\/www.garciafaura.com\\\/wp-content\\\/uploads\\\/2018\\\/11\\\/Promocio\\u0301-Pere-Calders-06.jpg&quot;,&quot;title&quot;:&quot;Fachada y cerramientos en aluminio y vidrio&quot;},{&quot;src&quot;:&quot;https:\\\/\\\/www.garciafaura.com\\\/wp-content\\\/uploads\\\/2018\\\/11\\\/Promocio\\u0301-Pere-Calders-05.jpg&quot;,&quot;title&quot;:&quot;Fachada y cerramientos en aluminio y vidrio&quot;},{&quot;src&quot;:&quot;https:\\\/\\\/www.garciafaura.com\\\/wp-content\\\/uploads\\\/2018\\\/11\\\/Promocio\\u0301-Pere-Calders-04.jpg&quot;,&quot;title&quot;:&quot;Fachada y cerramientos en aluminio y vidrio&quot;},{&quot;src&quot;:&quot;https:\\\/\\\/www.garciafaura.com\\\/wp-content\\\/uploads\\\/2018\\\/11\\\/Promocio\\u0301-Pere-Calders-03.jpg&quot;,&quot;title&quot;:&quot;Fachada y cerramientos en aluminio y vidrio&quot;},{&quot;src&quot;:&quot;https:\\\/\\\/www.garciafaura.com\\\/wp-content\\\/uploads\\\/2018\\\/11\\\/Promocio\\u0301-Pere-Calders-02.jpg&quot;,&quot;title&quot;:&quot;Fachada y cerramientos en aluminio y vidrio&quot;}]\"><img loading=\"lazy\" decoding=\"async\" data-no-lazy=\"1\" class=\"portfolio-entry-img skip-lazy\" src=\"https:\/\/www.garciafaura.com\/wp-content\/uploads\/2018\/11\/Promocio\u0301-Pere-Calders-06-600x314.jpg\" alt=\"Fachada Y Cerramientos En Aluminio Y Vidrio\" data-no-retina width=\"600\" height=\"314\" \/><\/a><\/div><div class=\"portfolio-entry-details entry-details wpex-clr\"><h2 class=\"portfolio-entry-title entry-title\"><a href=\"https:\/\/www.garciafaura.com\/es\/portfolio-item\/promocion-pere-calders\/\" title=\"Promoci\u00f3n Pere Calders\">Promoci\u00f3n Pere Calders<\/a><\/h2><div class=\"portfolio-entry-categories entry-categories wpex-clr\"><a href=\"https:\/\/www.garciafaura.com\/es\/portfolio-category\/conjuntos-residenciales\/\" class=\"term-46\">Conjuntos residenciales<\/a><\/div><\/div><\/div><\/div><div class=\"portfolio-entry vcex-grid-item entry-has-details span_1_of_3 col col-1 vcex-isotope-entry vcex-no-margin-entry post-18202 entry type-portfolio has-media cat-46 translation_priority-6\"><div class=\"portfolio-entry-inner entry-inner wpex-clr\"><div class=\"portfolio-entry-media entry-media wpex-clr\"><a href=\"https:\/\/www.garciafaura.com\/wp-content\/uploads\/2018\/11\/MTP02808.jpg\" title=\"Promoci\u00f3n R13 La Catalana\" class=\"portfolio-entry-media-link wpex-lightbox-gallery\" data-gallery=\"[{&quot;src&quot;:&quot;https:\\\/\\\/www.garciafaura.com\\\/wp-content\\\/uploads\\\/2018\\\/11\\\/MTP02808.jpg&quot;,&quot;title&quot;:&quot;La Catalana Sant Adri\\u00e0 Garcia Faura&quot;},{&quot;src&quot;:&quot;https:\\\/\\\/www.garciafaura.com\\\/wp-content\\\/uploads\\\/2018\\\/11\\\/MTP02796.jpg&quot;,&quot;title&quot;:&quot;La Catalana Sant Adri\\u00e0 Garcia Faura&quot;},{&quot;src&quot;:&quot;https:\\\/\\\/www.garciafaura.com\\\/wp-content\\\/uploads\\\/2018\\\/11\\\/MTP02794.jpg&quot;,&quot;title&quot;:&quot;La Catalana Sant Adri\\u00e0 Garcia Faura&quot;},{&quot;src&quot;:&quot;https:\\\/\\\/www.garciafaura.com\\\/wp-content\\\/uploads\\\/2018\\\/11\\\/MTP02791.jpg&quot;,&quot;title&quot;:&quot;La Catalana Sant Adri\\u00e0 Garcia Faura&quot;},{&quot;src&quot;:&quot;https:\\\/\\\/www.garciafaura.com\\\/wp-content\\\/uploads\\\/2018\\\/11\\\/MTP02782.jpg&quot;,&quot;title&quot;:&quot;La Catalana Sant Adri\\u00e0 Garcia Faura&quot;},{&quot;src&quot;:&quot;https:\\\/\\\/www.garciafaura.com\\\/wp-content\\\/uploads\\\/2018\\\/11\\\/MTP02779.jpg&quot;,&quot;title&quot;:&quot;La Catalana Sant Adri\\u00e0 Garcia Faura&quot;},{&quot;src&quot;:&quot;https:\\\/\\\/www.garciafaura.com\\\/wp-content\\\/uploads\\\/2018\\\/11\\\/MTP02774.jpg&quot;,&quot;title&quot;:&quot;La Catalana Sant Adri\\u00e0 Garcia Faura&quot;},{&quot;src&quot;:&quot;https:\\\/\\\/www.garciafaura.com\\\/wp-content\\\/uploads\\\/2018\\\/11\\\/MTP02771.jpg&quot;,&quot;title&quot;:&quot;La Catalana Sant Adri\\u00e0 Garcia Faura&quot;},{&quot;src&quot;:&quot;https:\\\/\\\/www.garciafaura.com\\\/wp-content\\\/uploads\\\/2018\\\/11\\\/MTP02769.jpg&quot;,&quot;title&quot;:&quot;La Catalana Sant Adri\\u00e0 Garcia Faura&quot;},{&quot;src&quot;:&quot;https:\\\/\\\/www.garciafaura.com\\\/wp-content\\\/uploads\\\/2018\\\/11\\\/MTP02763.jpg&quot;,&quot;title&quot;:&quot;La Catalana Sant Adri\\u00e0 Garcia Faura&quot;},{&quot;src&quot;:&quot;https:\\\/\\\/www.garciafaura.com\\\/wp-content\\\/uploads\\\/2018\\\/11\\\/MTP02759.jpg&quot;,&quot;title&quot;:&quot;La Catalana Sant Adri\\u00e0 Garcia Faura&quot;},{&quot;src&quot;:&quot;https:\\\/\\\/www.garciafaura.com\\\/wp-content\\\/uploads\\\/2018\\\/11\\\/MTP02750.jpg&quot;,&quot;title&quot;:&quot;La Catalana Sant Adri\\u00e0 Garcia Faura&quot;},{&quot;src&quot;:&quot;https:\\\/\\\/www.garciafaura.com\\\/wp-content\\\/uploads\\\/2018\\\/11\\\/MTP02739.jpg&quot;,&quot;title&quot;:&quot;La Catalana Sant Adri\\u00e0 Garcia Faura&quot;},{&quot;src&quot;:&quot;https:\\\/\\\/www.garciafaura.com\\\/wp-content\\\/uploads\\\/2018\\\/11\\\/MTP02735.jpg&quot;,&quot;title&quot;:&quot;La Catalana Sant Adri\\u00e0 Garcia Faura&quot;},{&quot;src&quot;:&quot;https:\\\/\\\/www.garciafaura.com\\\/wp-content\\\/uploads\\\/2018\\\/11\\\/MTP02734.jpg&quot;,&quot;title&quot;:&quot;La Catalana Sant Adri\\u00e0 Garcia Faura&quot;},{&quot;src&quot;:&quot;https:\\\/\\\/www.garciafaura.com\\\/wp-content\\\/uploads\\\/2018\\\/11\\\/MTP02730.jpg&quot;,&quot;title&quot;:&quot;La Catalana Sant Adri\\u00e0 Garcia Faura&quot;}]\"><img loading=\"lazy\" decoding=\"async\" data-no-lazy=\"1\" class=\"portfolio-entry-img skip-lazy\" src=\"https:\/\/www.garciafaura.com\/wp-content\/uploads\/2018\/11\/MTP02808-600x314.jpg\" alt=\"La Catalana Sant Adri\u00e0 Garcia Faura\" data-no-retina width=\"600\" height=\"314\" \/><\/a><\/div><div class=\"portfolio-entry-details entry-details wpex-clr\"><h2 class=\"portfolio-entry-title entry-title\"><a href=\"https:\/\/www.garciafaura.com\/es\/portfolio-item\/promocion-la-catalana\/\" title=\"Promoci\u00f3n R13 La Catalana\">Promoci\u00f3n R13 La Catalana<\/a><\/h2><div class=\"portfolio-entry-categories entry-categories wpex-clr\"><a href=\"https:\/\/www.garciafaura.com\/es\/portfolio-category\/conjuntos-residenciales\/\" class=\"term-46\">Conjuntos residenciales<\/a><\/div><\/div><\/div><\/div><div class=\"portfolio-entry vcex-grid-item entry-has-details span_1_of_3 col col-2 vcex-isotope-entry vcex-no-margin-entry post-18131 entry type-portfolio has-media cat-46 translation_priority-6\"><div class=\"portfolio-entry-inner entry-inner wpex-clr\"><div class=\"portfolio-entry-media entry-media wpex-clr\"><a href=\"https:\/\/www.garciafaura.com\/wp-content\/uploads\/2018\/11\/Promocio\u0301-Castellsol-01.jpg\" title=\"Promoci\u00f3n Castellsol\" class=\"portfolio-entry-media-link wpex-lightbox-gallery\" data-gallery=\"[{&quot;src&quot;:&quot;https:\\\/\\\/www.garciafaura.com\\\/wp-content\\\/uploads\\\/2018\\\/11\\\/Promocio\\u0301-Castellsol-01.jpg&quot;,&quot;title&quot;:&quot;Trabajos de carpinter\\u00eda de aluminio en este complejo de viviendas de Castelldefels&quot;},{&quot;src&quot;:&quot;https:\\\/\\\/www.garciafaura.com\\\/wp-content\\\/uploads\\\/2018\\\/11\\\/Promocio\\u0301-Castellsol-10.jpg&quot;,&quot;title&quot;:&quot;Trabajos de carpinter\\u00eda de aluminio en este complejo de viviendas de Castelldefels&quot;},{&quot;src&quot;:&quot;https:\\\/\\\/www.garciafaura.com\\\/wp-content\\\/uploads\\\/2018\\\/11\\\/Promocio\\u0301-Castellsol-09.jpg&quot;,&quot;title&quot;:&quot;Trabajos de carpinter\\u00eda de aluminio en este complejo de viviendas de Castelldefels&quot;},{&quot;src&quot;:&quot;https:\\\/\\\/www.garciafaura.com\\\/wp-content\\\/uploads\\\/2018\\\/11\\\/Promocio\\u0301-Castellsol-08.jpg&quot;,&quot;title&quot;:&quot;Trabajos de carpinter\\u00eda de aluminio en este complejo de viviendas de Castelldefels&quot;},{&quot;src&quot;:&quot;https:\\\/\\\/www.garciafaura.com\\\/wp-content\\\/uploads\\\/2018\\\/11\\\/Promocio\\u0301-Castellsol-07.jpg&quot;,&quot;title&quot;:&quot;Trabajos de carpinter\\u00eda de aluminio en este complejo de viviendas de Castelldefels&quot;},{&quot;src&quot;:&quot;https:\\\/\\\/www.garciafaura.com\\\/wp-content\\\/uploads\\\/2018\\\/11\\\/Promocio\\u0301-Castellsol-05.jpg&quot;,&quot;title&quot;:&quot;Trabajos de carpinter\\u00eda de aluminio en este complejo de viviendas de Castelldefels&quot;},{&quot;src&quot;:&quot;https:\\\/\\\/www.garciafaura.com\\\/wp-content\\\/uploads\\\/2018\\\/11\\\/Promocio\\u0301-Castellsol-06.jpg&quot;,&quot;title&quot;:&quot;Trabajos de carpinter\\u00eda de aluminio en este complejo de viviendas de Castelldefels&quot;},{&quot;src&quot;:&quot;https:\\\/\\\/www.garciafaura.com\\\/wp-content\\\/uploads\\\/2018\\\/11\\\/Promocio\\u0301-Castellsol-04.jpg&quot;,&quot;title&quot;:&quot;Trabajos de carpinter\\u00eda de aluminio en este complejo de viviendas de Castelldefels&quot;},{&quot;src&quot;:&quot;https:\\\/\\\/www.garciafaura.com\\\/wp-content\\\/uploads\\\/2018\\\/11\\\/Promocio\\u0301-Castellsol-03.jpg&quot;,&quot;title&quot;:&quot;Trabajos de carpinter\\u00eda de aluminio en este complejo de viviendas de Castelldefels&quot;},{&quot;src&quot;:&quot;https:\\\/\\\/www.garciafaura.com\\\/wp-content\\\/uploads\\\/2018\\\/11\\\/Promocio\\u0301-Castellsol-02.jpg&quot;,&quot;title&quot;:&quot;Trabajos de carpinter\\u00eda de aluminio en este complejo de viviendas de Castelldefels&quot;}]\"><img decoding=\"async\" data-no-lazy=\"1\" class=\"portfolio-entry-img skip-lazy\" src=\"https:\/\/www.garciafaura.com\/wp-content\/uploads\/2018\/11\/Promocio\u0301-Castellsol-01-x.jpg\" alt=\"Trabajos De Carpinter\u00eda De Aluminio En Este Complejo De Viviendas De Castelldefels\" data-no-retina \/><\/a><\/div><div class=\"portfolio-entry-details entry-details wpex-clr\"><h2 class=\"portfolio-entry-title entry-title\"><a href=\"https:\/\/www.garciafaura.com\/es\/portfolio-item\/promocion-castellsol\/\" title=\"Promoci\u00f3n Castellsol\">Promoci\u00f3n Castellsol<\/a><\/h2><div class=\"portfolio-entry-categories entry-categories wpex-clr\"><a href=\"https:\/\/www.garciafaura.com\/es\/portfolio-category\/conjuntos-residenciales\/\" class=\"term-46\">Conjuntos residenciales<\/a><\/div><\/div><\/div><\/div><div class=\"portfolio-entry vcex-grid-item entry-has-details span_1_of_3 col col-3 vcex-isotope-entry vcex-no-margin-entry post-18113 entry type-portfolio has-media cat-46 translation_priority-6\"><div class=\"portfolio-entry-inner entry-inner wpex-clr\"><div class=\"portfolio-entry-media entry-media wpex-clr\"><a href=\"https:\/\/www.garciafaura.com\/wp-content\/uploads\/2018\/11\/Residencial-La-Tela-Vilassar-Dalt-02.jpg\" title=\"Residencial La Tela\" class=\"portfolio-entry-media-link wpex-lightbox-gallery\" data-gallery=\"[{&quot;src&quot;:&quot;https:\\\/\\\/www.garciafaura.com\\\/wp-content\\\/uploads\\\/2018\\\/11\\\/Residencial-La-Tela-Vilassar-Dalt-01.jpg&quot;,&quot;title&quot;:&quot;Trabajos de carpinter\\u00eda de aluminio en conjunto de viviendas en Vilassar de Dalt&quot;},{&quot;src&quot;:&quot;https:\\\/\\\/www.garciafaura.com\\\/wp-content\\\/uploads\\\/2018\\\/11\\\/Residencial-La-Tela-Vilassar-Dalt-06.jpg&quot;,&quot;title&quot;:&quot;Trabajos de carpinter\\u00eda de aluminio en conjunto de viviendas en Vilassar de Dalt&quot;},{&quot;src&quot;:&quot;https:\\\/\\\/www.garciafaura.com\\\/wp-content\\\/uploads\\\/2018\\\/11\\\/Residencial-La-Tela-Vilassar-Dalt-05.jpg&quot;,&quot;title&quot;:&quot;Trabajos de carpinter\\u00eda de aluminio en conjunto de viviendas en Vilassar de Dalt&quot;},{&quot;src&quot;:&quot;https:\\\/\\\/www.garciafaura.com\\\/wp-content\\\/uploads\\\/2018\\\/11\\\/Residencial-La-Tela-Vilassar-Dalt-04.jpg&quot;,&quot;title&quot;:&quot;Trabajos de carpinter\\u00eda de aluminio en conjunto de viviendas en Vilassar de Dalt&quot;},{&quot;src&quot;:&quot;https:\\\/\\\/www.garciafaura.com\\\/wp-content\\\/uploads\\\/2018\\\/11\\\/Residencial-La-Tela-Vilassar-Dalt-03.jpg&quot;,&quot;title&quot;:&quot;Trabajos de carpinter\\u00eda de aluminio en conjunto de viviendas en Vilassar de Dalt&quot;},{&quot;src&quot;:&quot;https:\\\/\\\/www.garciafaura.com\\\/wp-content\\\/uploads\\\/2018\\\/11\\\/Residencial-La-Tela-Vilassar-Dalt-02.jpg&quot;,&quot;title&quot;:&quot;Trabajos de carpinter\\u00eda de aluminio en conjunto de viviendas en Vilassar de Dalt&quot;}]\"><img decoding=\"async\" data-no-lazy=\"1\" class=\"portfolio-entry-img skip-lazy\" src=\"https:\/\/www.garciafaura.com\/wp-content\/uploads\/2018\/11\/Residencial-La-Tela-Vilassar-Dalt-02-x.jpg\" alt=\"Trabajos De Carpinter\u00eda De Aluminio En Conjunto De Viviendas En Vilassar De Dalt\" data-no-retina \/><\/a><\/div><div class=\"portfolio-entry-details entry-details wpex-clr\"><h2 class=\"portfolio-entry-title entry-title\"><a href=\"https:\/\/www.garciafaura.com\/es\/portfolio-item\/residencial-la-tela\/\" title=\"Residencial La Tela\">Residencial La Tela<\/a><\/h2><div class=\"portfolio-entry-categories entry-categories wpex-clr\"><a href=\"https:\/\/www.garciafaura.com\/es\/portfolio-category\/conjuntos-residenciales\/\" class=\"term-46\">Conjuntos residenciales<\/a><\/div><\/div><\/div><\/div><div class=\"portfolio-entry vcex-grid-item entry-has-details span_1_of_3 col col-1 vcex-isotope-entry vcex-no-margin-entry post-18056 entry type-portfolio has-media cat-46 cat-49 translation_priority-6\"><div class=\"portfolio-entry-inner entry-inner wpex-clr\"><div class=\"portfolio-entry-media entry-media wpex-clr\"><a href=\"https:\/\/www.garciafaura.com\/wp-content\/uploads\/2018\/11\/Promocio\u0301-Andrea-Doria-01.jpg\" title=\"Promoci\u00f3n Andrea Doria\" class=\"portfolio-entry-media-link wpex-lightbox-gallery\" data-gallery=\"[{&quot;src&quot;:&quot;https:\\\/\\\/www.garciafaura.com\\\/wp-content\\\/uploads\\\/2018\\\/11\\\/Promocio\\u0301-Andrea-Doria-01.jpg&quot;,&quot;title&quot;:&quot;Cerramientos de 30 viviendas, locales y guarder\\u00eda La Barceloneta, a Barcelona&quot;},{&quot;src&quot;:&quot;https:\\\/\\\/www.garciafaura.com\\\/wp-content\\\/uploads\\\/2018\\\/11\\\/Promocio\\u0301-Andrea-Doria-12.jpg&quot;,&quot;title&quot;:&quot;Cerramientos de 30 viviendas, locales y guarder\\u00eda La Barceloneta, a Barcelona&quot;},{&quot;src&quot;:&quot;https:\\\/\\\/www.garciafaura.com\\\/wp-content\\\/uploads\\\/2018\\\/11\\\/Promocio\\u0301-Andrea-Doria-11.jpg&quot;,&quot;title&quot;:&quot;Cerramientos de 30 viviendas, locales y guarder\\u00eda La Barceloneta, a Barcelona&quot;},{&quot;src&quot;:&quot;https:\\\/\\\/www.garciafaura.com\\\/wp-content\\\/uploads\\\/2018\\\/11\\\/Promocio\\u0301-Andrea-Doria-10.jpg&quot;,&quot;title&quot;:&quot;Cerramientos de 30 viviendas, locales y guarder\\u00eda La Barceloneta, a Barcelona&quot;},{&quot;src&quot;:&quot;https:\\\/\\\/www.garciafaura.com\\\/wp-content\\\/uploads\\\/2018\\\/11\\\/Promocio\\u0301-Andrea-Doria-09.jpg&quot;,&quot;title&quot;:&quot;Cerramientos de 30 viviendas, locales y guarder\\u00eda La Barceloneta, a Barcelona&quot;},{&quot;src&quot;:&quot;https:\\\/\\\/www.garciafaura.com\\\/wp-content\\\/uploads\\\/2018\\\/11\\\/Promocio\\u0301-Andrea-Doria-08.jpg&quot;,&quot;title&quot;:&quot;Cerramientos de 30 viviendas, locales y guarder\\u00eda La Barceloneta, a Barcelona&quot;},{&quot;src&quot;:&quot;https:\\\/\\\/www.garciafaura.com\\\/wp-content\\\/uploads\\\/2018\\\/11\\\/Promocio\\u0301-Andrea-Doria-07.jpg&quot;,&quot;title&quot;:&quot;Cerramientos de 30 viviendas, locales y guarder\\u00eda La Barceloneta, a Barcelona&quot;},{&quot;src&quot;:&quot;https:\\\/\\\/www.garciafaura.com\\\/wp-content\\\/uploads\\\/2018\\\/11\\\/Promocio\\u0301-Andrea-Doria-06.jpg&quot;,&quot;title&quot;:&quot;Cerramientos de 30 viviendas, locales y guarder\\u00eda La Barceloneta, a Barcelona&quot;},{&quot;src&quot;:&quot;https:\\\/\\\/www.garciafaura.com\\\/wp-content\\\/uploads\\\/2018\\\/11\\\/Promocio\\u0301-Andrea-Doria-05.jpg&quot;,&quot;title&quot;:&quot;Cerramientos de 30 viviendas, locales y guarder\\u00eda La Barceloneta, a Barcelona&quot;},{&quot;src&quot;:&quot;https:\\\/\\\/www.garciafaura.com\\\/wp-content\\\/uploads\\\/2018\\\/11\\\/Promocio\\u0301-Andrea-Doria-04.jpg&quot;,&quot;title&quot;:&quot;Cerramientos de 30 viviendas, locales y guarder\\u00eda La Barceloneta, a Barcelona&quot;},{&quot;src&quot;:&quot;https:\\\/\\\/www.garciafaura.com\\\/wp-content\\\/uploads\\\/2018\\\/11\\\/Promocio\\u0301-Andrea-Doria-03.jpg&quot;,&quot;title&quot;:&quot;Cerramientos de 30 viviendas, locales y guarder\\u00eda La Barceloneta, a Barcelona&quot;},{&quot;src&quot;:&quot;https:\\\/\\\/www.garciafaura.com\\\/wp-content\\\/uploads\\\/2018\\\/11\\\/Promocio\\u0301-Andrea-Doria-02.jpg&quot;,&quot;title&quot;:&quot;Cerramientos de 30 viviendas, locales y guarder\\u00eda La Barceloneta, a Barcelona&quot;}]\"><img loading=\"lazy\" decoding=\"async\" data-no-lazy=\"1\" class=\"portfolio-entry-img skip-lazy\" src=\"https:\/\/www.garciafaura.com\/wp-content\/uploads\/2018\/11\/Promocio\u0301-Andrea-Doria-01-600x314.jpg\" alt=\"Cerramientos De 30 Viviendas, Locales Y Guarder\u00eda La Barceloneta, A Barcelona\" data-no-retina width=\"600\" height=\"314\" \/><\/a><\/div><div class=\"portfolio-entry-details entry-details wpex-clr\"><h2 class=\"portfolio-entry-title entry-title\"><a href=\"https:\/\/www.garciafaura.com\/es\/portfolio-item\/promocion-andrea-doria\/\" title=\"Promoci\u00f3n Andrea Doria\">Promoci\u00f3n Andrea Doria<\/a><\/h2><div class=\"portfolio-entry-categories entry-categories wpex-clr\"><a href=\"https:\/\/www.garciafaura.com\/es\/portfolio-category\/conjuntos-residenciales\/\" class=\"term-46\">Conjuntos residenciales<\/a><\/div><\/div><\/div><\/div><div class=\"portfolio-entry vcex-grid-item entry-has-details span_1_of_3 col col-2 vcex-isotope-entry vcex-no-margin-entry post-18021 entry type-portfolio has-media cat-46 translation_priority-6\"><div class=\"portfolio-entry-inner entry-inner wpex-clr\"><div class=\"portfolio-entry-media entry-media wpex-clr\"><a href=\"https:\/\/www.garciafaura.com\/wp-content\/uploads\/2018\/11\/Promocio\u0301-Antonio-Machado-Viladecans-01.jpg\" title=\"Promoci\u00f3n Antonio Machado\" class=\"portfolio-entry-media-link wpex-lightbox-gallery\" data-gallery=\"[{&quot;src&quot;:&quot;https:\\\/\\\/www.garciafaura.com\\\/wp-content\\\/uploads\\\/2018\\\/11\\\/Promocio\\u0301-Antonio-Machado-Viladecans-01.jpg&quot;,&quot;title&quot;:&quot;Cerramientos de aluminio y vidrio en promoci\\u00f3n de viviendas en Viladecans&quot;},{&quot;src&quot;:&quot;https:\\\/\\\/www.garciafaura.com\\\/wp-content\\\/uploads\\\/2018\\\/11\\\/Promocio\\u0301-Antonio-Machado-Viladecans-25.jpg&quot;,&quot;title&quot;:&quot;Cerramientos de aluminio y vidrio en promoci\\u00f3n de viviendas en Viladecans&quot;},{&quot;src&quot;:&quot;https:\\\/\\\/www.garciafaura.com\\\/wp-content\\\/uploads\\\/2018\\\/11\\\/Promocio\\u0301-Antonio-Machado-Viladecans-24.jpg&quot;,&quot;title&quot;:&quot;Cerramientos de aluminio y vidrio en promoci\\u00f3n de viviendas en Viladecans&quot;},{&quot;src&quot;:&quot;https:\\\/\\\/www.garciafaura.com\\\/wp-content\\\/uploads\\\/2018\\\/11\\\/Promocio\\u0301-Antonio-Machado-Viladecans-23.jpg&quot;,&quot;title&quot;:&quot;Cerramientos de aluminio y vidrio en promoci\\u00f3n de viviendas en Viladecans&quot;},{&quot;src&quot;:&quot;https:\\\/\\\/www.garciafaura.com\\\/wp-content\\\/uploads\\\/2018\\\/11\\\/Promocio\\u0301-Antonio-Machado-Viladecans-22.jpg&quot;,&quot;title&quot;:&quot;Cerramientos de aluminio y vidrio en promoci\\u00f3n de viviendas en Viladecans&quot;},{&quot;src&quot;:&quot;https:\\\/\\\/www.garciafaura.com\\\/wp-content\\\/uploads\\\/2018\\\/11\\\/Promocio\\u0301-Antonio-Machado-Viladecans-21.jpg&quot;,&quot;title&quot;:&quot;Cerramientos de aluminio y vidrio en promoci\\u00f3n de viviendas en Viladecans&quot;},{&quot;src&quot;:&quot;https:\\\/\\\/www.garciafaura.com\\\/wp-content\\\/uploads\\\/2018\\\/11\\\/Promocio\\u0301-Antonio-Machado-Viladecans-20.jpg&quot;,&quot;title&quot;:&quot;Cerramientos de aluminio y vidrio en promoci\\u00f3n de viviendas en Viladecans&quot;},{&quot;src&quot;:&quot;https:\\\/\\\/www.garciafaura.com\\\/wp-content\\\/uploads\\\/2018\\\/11\\\/Promocio\\u0301-Antonio-Machado-Viladecans-19.jpg&quot;,&quot;title&quot;:&quot;Cerramientos de aluminio y vidrio en promoci\\u00f3n de viviendas en Viladecans&quot;},{&quot;src&quot;:&quot;https:\\\/\\\/www.garciafaura.com\\\/wp-content\\\/uploads\\\/2018\\\/11\\\/Promocio\\u0301-Antonio-Machado-Viladecans-18.jpg&quot;,&quot;title&quot;:&quot;Cerramientos de aluminio y vidrio en promoci\\u00f3n de viviendas en Viladecans&quot;},{&quot;src&quot;:&quot;https:\\\/\\\/www.garciafaura.com\\\/wp-content\\\/uploads\\\/2018\\\/11\\\/Promocio\\u0301-Antonio-Machado-Viladecans-17.jpg&quot;,&quot;title&quot;:&quot;Cerramientos de aluminio y vidrio en promoci\\u00f3n de viviendas en Viladecans&quot;},{&quot;src&quot;:&quot;https:\\\/\\\/www.garciafaura.com\\\/wp-content\\\/uploads\\\/2018\\\/11\\\/Promocio\\u0301-Antonio-Machado-Viladecans-16.jpg&quot;,&quot;title&quot;:&quot;Cerramientos de aluminio y vidrio en promoci\\u00f3n de viviendas en Viladecans&quot;},{&quot;src&quot;:&quot;https:\\\/\\\/www.garciafaura.com\\\/wp-content\\\/uploads\\\/2018\\\/11\\\/Promocio\\u0301-Antonio-Machado-Viladecans-15.jpg&quot;,&quot;title&quot;:&quot;Cerramientos de aluminio y vidrio en promoci\\u00f3n de viviendas en Viladecans&quot;},{&quot;src&quot;:&quot;https:\\\/\\\/www.garciafaura.com\\\/wp-content\\\/uploads\\\/2018\\\/11\\\/Promocio\\u0301-Antonio-Machado-Viladecans-14.jpg&quot;,&quot;title&quot;:&quot;Cerramientos de aluminio y vidrio en promoci\\u00f3n de viviendas en Viladecans&quot;},{&quot;src&quot;:&quot;https:\\\/\\\/www.garciafaura.com\\\/wp-content\\\/uploads\\\/2018\\\/11\\\/Promocio\\u0301-Antonio-Machado-Viladecans-13.jpg&quot;,&quot;title&quot;:&quot;Cerramientos de aluminio y vidrio en promoci\\u00f3n de viviendas en Viladecans&quot;},{&quot;src&quot;:&quot;https:\\\/\\\/www.garciafaura.com\\\/wp-content\\\/uploads\\\/2018\\\/11\\\/Promocio\\u0301-Antonio-Machado-Viladecans-12.jpg&quot;,&quot;title&quot;:&quot;Cerramientos de aluminio y vidrio en promoci\\u00f3n de viviendas en Viladecans&quot;},{&quot;src&quot;:&quot;https:\\\/\\\/www.garciafaura.com\\\/wp-content\\\/uploads\\\/2018\\\/11\\\/Promocio\\u0301-Antonio-Machado-Viladecans-11.jpg&quot;,&quot;title&quot;:&quot;Cerramientos de aluminio y vidrio en promoci\\u00f3n de viviendas en Viladecans&quot;},{&quot;src&quot;:&quot;https:\\\/\\\/www.garciafaura.com\\\/wp-content\\\/uploads\\\/2018\\\/11\\\/Promocio\\u0301-Antonio-Machado-Viladecans-09.jpg&quot;,&quot;title&quot;:&quot;Cerramientos de aluminio y vidrio en promoci\\u00f3n de viviendas en Viladecans&quot;},{&quot;src&quot;:&quot;https:\\\/\\\/www.garciafaura.com\\\/wp-content\\\/uploads\\\/2018\\\/11\\\/Promocio\\u0301-Antonio-Machado-Viladecans-10.jpg&quot;,&quot;title&quot;:&quot;Cerramientos de aluminio y vidrio en promoci\\u00f3n de viviendas en Viladecans&quot;},{&quot;src&quot;:&quot;https:\\\/\\\/www.garciafaura.com\\\/wp-content\\\/uploads\\\/2018\\\/11\\\/Promocio\\u0301-Antonio-Machado-Viladecans-08.jpg&quot;,&quot;title&quot;:&quot;Cerramientos de aluminio y vidrio en promoci\\u00f3n de viviendas en Viladecans&quot;},{&quot;src&quot;:&quot;https:\\\/\\\/www.garciafaura.com\\\/wp-content\\\/uploads\\\/2018\\\/11\\\/Promocio\\u0301-Antonio-Machado-Viladecans-07.jpg&quot;,&quot;title&quot;:&quot;Cerramientos de aluminio y vidrio en promoci\\u00f3n de viviendas en Viladecans&quot;},{&quot;src&quot;:&quot;https:\\\/\\\/www.garciafaura.com\\\/wp-content\\\/uploads\\\/2018\\\/11\\\/Promocio\\u0301-Antonio-Machado-Viladecans-06.jpg&quot;,&quot;title&quot;:&quot;Cerramientos de aluminio y vidrio en promoci\\u00f3n de viviendas en Viladecans&quot;},{&quot;src&quot;:&quot;https:\\\/\\\/www.garciafaura.com\\\/wp-content\\\/uploads\\\/2018\\\/11\\\/Promocio\\u0301-Antonio-Machado-Viladecans-05.jpg&quot;,&quot;title&quot;:&quot;Cerramientos de aluminio y vidrio en promoci\\u00f3n de viviendas en Viladecans&quot;},{&quot;src&quot;:&quot;https:\\\/\\\/www.garciafaura.com\\\/wp-content\\\/uploads\\\/2018\\\/11\\\/Promocio\\u0301-Antonio-Machado-Viladecans-04.jpg&quot;,&quot;title&quot;:&quot;Cerramientos de aluminio y vidrio en promoci\\u00f3n de viviendas en Viladecans&quot;},{&quot;src&quot;:&quot;https:\\\/\\\/www.garciafaura.com\\\/wp-content\\\/uploads\\\/2018\\\/11\\\/Promocio\\u0301-Antonio-Machado-Viladecans-03.jpg&quot;,&quot;title&quot;:&quot;Cerramientos de aluminio y vidrio en promoci\\u00f3n de viviendas en Viladecans&quot;},{&quot;src&quot;:&quot;https:\\\/\\\/www.garciafaura.com\\\/wp-content\\\/uploads\\\/2018\\\/11\\\/Promocio\\u0301-Antonio-Machado-Viladecans-02.jpg&quot;,&quot;title&quot;:&quot;Cerramientos de aluminio y vidrio en promoci\\u00f3n de viviendas en Viladecans&quot;}]\"><img loading=\"lazy\" decoding=\"async\" data-no-lazy=\"1\" class=\"portfolio-entry-img skip-lazy\" src=\"https:\/\/www.garciafaura.com\/wp-content\/uploads\/2018\/11\/Promocio\u0301-Antonio-Machado-Viladecans-01-600x314.jpg\" alt=\"Cerramientos De Aluminio Y Vidrio En Promoci\u00f3n De Viviendas En Viladecans\" data-no-retina width=\"600\" height=\"314\" \/><\/a><\/div><div class=\"portfolio-entry-details entry-details wpex-clr\"><h2 class=\"portfolio-entry-title entry-title\"><a href=\"https:\/\/www.garciafaura.com\/es\/portfolio-item\/promocion-antonio-machado\/\" title=\"Promoci\u00f3n Antonio Machado\">Promoci\u00f3n Antonio Machado<\/a><\/h2><div class=\"portfolio-entry-categories entry-categories wpex-clr\"><a href=\"https:\/\/www.garciafaura.com\/es\/portfolio-category\/conjuntos-residenciales\/\" class=\"term-46\">Conjuntos residenciales<\/a><\/div><\/div><\/div><\/div><div class=\"portfolio-entry vcex-grid-item entry-has-details span_1_of_3 col col-3 vcex-isotope-entry vcex-no-margin-entry post-18005 entry type-portfolio has-media cat-46 translation_priority-6\"><div class=\"portfolio-entry-inner entry-inner wpex-clr\"><div class=\"portfolio-entry-media entry-media wpex-clr\"><a href=\"https:\/\/www.garciafaura.com\/wp-content\/uploads\/2018\/11\/Habitatge-Pau-Alcover-01.jpg\" title=\"Vivienda Pau Alcover\" class=\"portfolio-entry-media-link wpex-lightbox-gallery\" data-gallery=\"[{&quot;src&quot;:&quot;https:\\\/\\\/www.garciafaura.com\\\/wp-content\\\/uploads\\\/2018\\\/11\\\/Habitatge-Pau-Alcover-01.jpg&quot;,&quot;title&quot;:&quot;Cerramientos en viviendas de alta eficiencia energ\\u00e9rica en Barcelona&quot;},{&quot;src&quot;:&quot;https:\\\/\\\/www.garciafaura.com\\\/wp-content\\\/uploads\\\/2018\\\/11\\\/Habitatge-Pau-Alcover-06.jpg&quot;,&quot;title&quot;:&quot;Cerramientos en viviendas de alta eficiencia energ\\u00e9rica en Barcelona&quot;},{&quot;src&quot;:&quot;https:\\\/\\\/www.garciafaura.com\\\/wp-content\\\/uploads\\\/2018\\\/11\\\/Habitatge-Pau-Alcover-05.jpg&quot;,&quot;title&quot;:&quot;Cerramientos en viviendas de alta eficiencia energ\\u00e9rica en Barcelona&quot;},{&quot;src&quot;:&quot;https:\\\/\\\/www.garciafaura.com\\\/wp-content\\\/uploads\\\/2018\\\/11\\\/Habitatge-Pau-Alcover-04.jpg&quot;,&quot;title&quot;:&quot;Cerramientos en viviendas de alta eficiencia energ\\u00e9rica en Barcelona&quot;},{&quot;src&quot;:&quot;https:\\\/\\\/www.garciafaura.com\\\/wp-content\\\/uploads\\\/2018\\\/11\\\/Habitatge-Pau-Alcover-03.jpg&quot;,&quot;title&quot;:&quot;Cerramientos en viviendas de alta eficiencia energ\\u00e9rica en Barcelona&quot;},{&quot;src&quot;:&quot;https:\\\/\\\/www.garciafaura.com\\\/wp-content\\\/uploads\\\/2018\\\/11\\\/Habitatge-Pau-Alcover-02.jpg&quot;,&quot;title&quot;:&quot;Cerramientos en viviendas de alta eficiencia energ\\u00e9rica en Barcelona&quot;}]\"><img loading=\"lazy\" decoding=\"async\" data-no-lazy=\"1\" class=\"portfolio-entry-img skip-lazy\" src=\"https:\/\/www.garciafaura.com\/wp-content\/uploads\/2018\/11\/Habitatge-Pau-Alcover-01.jpg\" alt=\"Cerramientos En Viviendas De Alta Eficiencia Energ\u00e9rica En Barcelona\" data-no-retina width=\"600\" height=\"313\" \/><\/a><\/div><div class=\"portfolio-entry-details entry-details wpex-clr\"><h2 class=\"portfolio-entry-title entry-title\"><a href=\"https:\/\/www.garciafaura.com\/es\/portfolio-item\/vivienda-pau-alcover\/\" title=\"Vivienda Pau Alcover\">Vivienda Pau Alcover<\/a><\/h2><div class=\"portfolio-entry-categories entry-categories wpex-clr\"><a href=\"https:\/\/www.garciafaura.com\/es\/portfolio-category\/conjuntos-residenciales\/\" class=\"term-46\">Conjuntos residenciales<\/a><\/div><\/div><\/div><\/div><div class=\"portfolio-entry vcex-grid-item entry-has-details span_1_of_3 col col-1 vcex-isotope-entry vcex-no-margin-entry post-18002 entry type-portfolio has-media cat-46 translation_priority-6\"><div class=\"portfolio-entry-inner entry-inner wpex-clr\"><div class=\"portfolio-entry-media entry-media wpex-clr\"><a href=\"https:\/\/www.garciafaura.com\/wp-content\/uploads\/2018\/11\/Promocio\u0301-Cerdanyola-01.jpg\" title=\"Promoci\u00f3n Cerdanyola del Vall\u00e8s\" class=\"portfolio-entry-media-link wpex-lightbox-gallery\" data-gallery=\"[{&quot;src&quot;:&quot;https:\\\/\\\/www.garciafaura.com\\\/wp-content\\\/uploads\\\/2018\\\/11\\\/Promocio\\u0301-Cerdanyola-01.jpg&quot;,&quot;title&quot;:&quot;Cerramientos de aluminio en promoci\\u00f3n de viviendas y locales en Cerdanyola del Vall\\u00e8s&quot;}]\"><img loading=\"lazy\" decoding=\"async\" data-no-lazy=\"1\" class=\"portfolio-entry-img skip-lazy\" src=\"https:\/\/www.garciafaura.com\/wp-content\/uploads\/2018\/11\/Promocio\u0301-Cerdanyola-01.jpg\" alt=\"Cerramientos De Aluminio En Promoci\u00f3n De Viviendas Y Locales En Cerdanyola Del Vall\u00e8s\" data-no-retina width=\"600\" height=\"313\" \/><\/a><\/div><div class=\"portfolio-entry-details entry-details wpex-clr\"><h2 class=\"portfolio-entry-title entry-title\"><a href=\"https:\/\/www.garciafaura.com\/es\/portfolio-item\/promocion-cerdanyola-del-valles\/\" title=\"Promoci\u00f3n Cerdanyola del Vall\u00e8s\">Promoci\u00f3n Cerdanyola del Vall\u00e8s<\/a><\/h2><div class=\"portfolio-entry-categories entry-categories wpex-clr\"><a href=\"https:\/\/www.garciafaura.com\/es\/portfolio-category\/conjuntos-residenciales\/\" class=\"term-46\">Conjuntos residenciales<\/a><\/div><\/div><\/div><\/div><div class=\"portfolio-entry vcex-grid-item entry-has-details span_1_of_3 col col-2 vcex-isotope-entry vcex-no-margin-entry post-17993 entry type-portfolio has-media cat-46 translation_priority-6\"><div class=\"portfolio-entry-inner entry-inner wpex-clr\"><div class=\"portfolio-entry-media entry-media wpex-clr\"><a href=\"https:\/\/www.garciafaura.com\/wp-content\/uploads\/2018\/11\/Promocio\u0301-carrer-Lepant-01.jpg\" title=\"Promoci\u00f3n calle Lepant\" class=\"portfolio-entry-media-link wpex-lightbox-gallery\" data-gallery=\"[{&quot;src&quot;:&quot;https:\\\/\\\/www.garciafaura.com\\\/wp-content\\\/uploads\\\/2018\\\/11\\\/Promocio\\u0301-carrer-Lepant-01.jpg&quot;,&quot;title&quot;:&quot;Promoci\\u00f3n de viviendas de altas calidades en el Eixample de Barcelona&quot;},{&quot;src&quot;:&quot;https:\\\/\\\/www.garciafaura.com\\\/wp-content\\\/uploads\\\/2018\\\/11\\\/Promocio\\u0301-carrer-Lepant-13.jpg&quot;,&quot;title&quot;:&quot;Promoci\\u00f3n de viviendas de altas calidades en el Eixample de Barcelona&quot;},{&quot;src&quot;:&quot;https:\\\/\\\/www.garciafaura.com\\\/wp-content\\\/uploads\\\/2018\\\/11\\\/Promocio\\u0301-carrer-Lepant-12.jpg&quot;,&quot;title&quot;:&quot;Promoci\\u00f3n de viviendas de altas calidades en el Eixample de Barcelona&quot;},{&quot;src&quot;:&quot;https:\\\/\\\/www.garciafaura.com\\\/wp-content\\\/uploads\\\/2018\\\/11\\\/Promocio\\u0301-carrer-Lepant-11.jpg&quot;,&quot;title&quot;:&quot;Promoci\\u00f3n de viviendas de altas calidades en el Eixample de Barcelona&quot;},{&quot;src&quot;:&quot;https:\\\/\\\/www.garciafaura.com\\\/wp-content\\\/uploads\\\/2018\\\/11\\\/Promocio\\u0301-carrer-Lepant-10.jpg&quot;,&quot;title&quot;:&quot;Promoci\\u00f3n de viviendas de altas calidades en el Eixample de Barcelona&quot;},{&quot;src&quot;:&quot;https:\\\/\\\/www.garciafaura.com\\\/wp-content\\\/uploads\\\/2018\\\/11\\\/Promocio\\u0301-carrer-Lepant-09.jpg&quot;,&quot;title&quot;:&quot;Promoci\\u00f3n de viviendas de altas calidades en el Eixample de Barcelona&quot;},{&quot;src&quot;:&quot;https:\\\/\\\/www.garciafaura.com\\\/wp-content\\\/uploads\\\/2018\\\/11\\\/Promocio\\u0301-carrer-Lepant-08.jpg&quot;,&quot;title&quot;:&quot;Promoci\\u00f3n de viviendas de altas calidades en el Eixample de Barcelona&quot;},{&quot;src&quot;:&quot;https:\\\/\\\/www.garciafaura.com\\\/wp-content\\\/uploads\\\/2018\\\/11\\\/Promocio\\u0301-carrer-Lepant-07.jpg&quot;,&quot;title&quot;:&quot;Promoci\\u00f3n de viviendas de altas calidades en el Eixample de Barcelona&quot;},{&quot;src&quot;:&quot;https:\\\/\\\/www.garciafaura.com\\\/wp-content\\\/uploads\\\/2018\\\/11\\\/Promocio\\u0301-carrer-Lepant-06.jpg&quot;,&quot;title&quot;:&quot;Promoci\\u00f3n de viviendas de altas calidades en el Eixample de Barcelona&quot;},{&quot;src&quot;:&quot;https:\\\/\\\/www.garciafaura.com\\\/wp-content\\\/uploads\\\/2018\\\/11\\\/Promocio\\u0301-carrer-Lepant-05.jpg&quot;,&quot;title&quot;:&quot;Promoci\\u00f3n de viviendas de altas calidades en el Eixample de Barcelona&quot;},{&quot;src&quot;:&quot;https:\\\/\\\/www.garciafaura.com\\\/wp-content\\\/uploads\\\/2018\\\/11\\\/Promocio\\u0301-carrer-Lepant-04.jpg&quot;,&quot;title&quot;:&quot;Promoci\\u00f3n de viviendas de altas calidades en el Eixample de Barcelona&quot;},{&quot;src&quot;:&quot;https:\\\/\\\/www.garciafaura.com\\\/wp-content\\\/uploads\\\/2018\\\/11\\\/Promocio\\u0301-carrer-Lepant-03.jpg&quot;,&quot;title&quot;:&quot;Promoci\\u00f3n de viviendas de altas calidades en el Eixample de Barcelona&quot;},{&quot;src&quot;:&quot;https:\\\/\\\/www.garciafaura.com\\\/wp-content\\\/uploads\\\/2018\\\/11\\\/Promocio\\u0301-carrer-Lepant-02.jpg&quot;,&quot;title&quot;:&quot;Promoci\\u00f3n de viviendas de altas calidades en el Eixample de Barcelona&quot;}]\"><img loading=\"lazy\" decoding=\"async\" data-no-lazy=\"1\" class=\"portfolio-entry-img skip-lazy\" src=\"https:\/\/www.garciafaura.com\/wp-content\/uploads\/2018\/11\/Promocio\u0301-carrer-Lepant-01-600x314.jpg\" alt=\"Promoci\u00f3n De Viviendas De Altas Calidades En El Eixample De Barcelona\" data-no-retina width=\"600\" height=\"314\" \/><\/a><\/div><div class=\"portfolio-entry-details entry-details wpex-clr\"><h2 class=\"portfolio-entry-title entry-title\"><a href=\"https:\/\/www.garciafaura.com\/es\/portfolio-item\/promocion-calle-lepant\/\" title=\"Promoci\u00f3n calle Lepant\">Promoci\u00f3n calle Lepant<\/a><\/h2><div class=\"portfolio-entry-categories entry-categories wpex-clr\"><a href=\"https:\/\/www.garciafaura.com\/es\/portfolio-category\/conjuntos-residenciales\/\" class=\"term-46\">Conjuntos residenciales<\/a><\/div><\/div><\/div><\/div><div class=\"portfolio-entry vcex-grid-item entry-has-details span_1_of_3 col col-3 vcex-isotope-entry vcex-no-margin-entry post-17987 entry type-portfolio has-media cat-46 translation_priority-6\"><div class=\"portfolio-entry-inner entry-inner wpex-clr\"><div class=\"portfolio-entry-media entry-media wpex-clr\"><a href=\"https:\/\/www.garciafaura.com\/wp-content\/uploads\/2018\/11\/Promocio\u0301-plac\u0327a-Constitucio\u0301-Viladecans-01.jpg\" title=\"Promoci\u00f3n Plaza Constituci\u00f3\" class=\"portfolio-entry-media-link wpex-lightbox-gallery\" data-gallery=\"[{&quot;src&quot;:&quot;https:\\\/\\\/www.garciafaura.com\\\/wp-content\\\/uploads\\\/2018\\\/11\\\/Promocio\\u0301-plac\\u0327a-Constitucio\\u0301-Viladecans-01.jpg&quot;,&quot;title&quot;:&quot;Cerramientos de aluminio y vidrio en promoci\\u00f3n de viviendas en Viladecans&quot;}]\"><img decoding=\"async\" data-no-lazy=\"1\" class=\"portfolio-entry-img skip-lazy\" src=\"https:\/\/www.garciafaura.com\/wp-content\/uploads\/2018\/11\/Promocio\u0301-plac\u0327a-Constitucio\u0301-Viladecans-01-x.jpg\" alt=\"Cerramientos De Aluminio Y Vidrio En Promoci\u00f3n De Viviendas En Viladecans\" data-no-retina \/><\/a><\/div><div class=\"portfolio-entry-details entry-details wpex-clr\"><h2 class=\"portfolio-entry-title entry-title\"><a href=\"https:\/\/www.garciafaura.com\/es\/portfolio-item\/promocion-plaza-constitucio\/\" title=\"Promoci\u00f3n Plaza Constituci\u00f3\">Promoci\u00f3n Plaza Constituci\u00f3<\/a><\/h2><div class=\"portfolio-entry-categories entry-categories wpex-clr\"><a href=\"https:\/\/www.garciafaura.com\/es\/portfolio-category\/conjuntos-residenciales\/\" class=\"term-46\">Conjuntos residenciales<\/a><\/div><\/div><\/div><\/div><div class=\"portfolio-entry vcex-grid-item entry-has-details span_1_of_3 col col-1 vcex-isotope-entry vcex-no-margin-entry post-17972 entry type-portfolio has-media cat-46 translation_priority-6\"><div class=\"portfolio-entry-inner entry-inner wpex-clr\"><div class=\"portfolio-entry-media entry-media wpex-clr\"><a href=\"https:\/\/www.garciafaura.com\/wp-content\/uploads\/2018\/11\/Habitatges-carrer-Watt-03.jpg\" title=\"Viviendas calle Watt\" class=\"portfolio-entry-media-link wpex-lightbox-gallery\" data-gallery=\"[{&quot;src&quot;:&quot;https:\\\/\\\/www.garciafaura.com\\\/wp-content\\\/uploads\\\/2018\\\/11\\\/Habitatges-carrer-Watt-01.jpg&quot;,&quot;title&quot;:&quot;Rehabilitaci\\u00f3n de conjunto de viviendas en edificio hist\\u00f3rico de Barcelona&quot;},{&quot;src&quot;:&quot;https:\\\/\\\/www.garciafaura.com\\\/wp-content\\\/uploads\\\/2018\\\/11\\\/Habitatges-carrer-Watt-07.jpg&quot;,&quot;title&quot;:&quot;Rehabilitaci\\u00f3n de conjunto de viviendas en edificio hist\\u00f3rico de Barcelona&quot;},{&quot;src&quot;:&quot;https:\\\/\\\/www.garciafaura.com\\\/wp-content\\\/uploads\\\/2018\\\/11\\\/Habitatges-carrer-Watt-06.jpg&quot;,&quot;title&quot;:&quot;Rehabilitaci\\u00f3n de conjunto de viviendas en edificio hist\\u00f3rico de Barcelona&quot;},{&quot;src&quot;:&quot;https:\\\/\\\/www.garciafaura.com\\\/wp-content\\\/uploads\\\/2018\\\/11\\\/Habitatges-carrer-Watt-05.jpg&quot;,&quot;title&quot;:&quot;Rehabilitaci\\u00f3n de conjunto de viviendas en edificio hist\\u00f3rico de Barcelona&quot;},{&quot;src&quot;:&quot;https:\\\/\\\/www.garciafaura.com\\\/wp-content\\\/uploads\\\/2018\\\/11\\\/Habitatges-carrer-Watt-04.jpg&quot;,&quot;title&quot;:&quot;Rehabilitaci\\u00f3n de conjunto de viviendas en edificio hist\\u00f3rico de Barcelona&quot;},{&quot;src&quot;:&quot;https:\\\/\\\/www.garciafaura.com\\\/wp-content\\\/uploads\\\/2018\\\/11\\\/Habitatges-carrer-Watt-03.jpg&quot;,&quot;title&quot;:&quot;Rehabilitaci\\u00f3n de conjunto de viviendas en edificio hist\\u00f3rico de Barcelona&quot;},{&quot;src&quot;:&quot;https:\\\/\\\/www.garciafaura.com\\\/wp-content\\\/uploads\\\/2018\\\/11\\\/Habitatges-carrer-Watt-02.jpg&quot;,&quot;title&quot;:&quot;Rehabilitaci\\u00f3n de conjunto de viviendas en edificio hist\\u00f3rico de Barcelona&quot;}]\"><img decoding=\"async\" data-no-lazy=\"1\" class=\"portfolio-entry-img skip-lazy\" src=\"https:\/\/www.garciafaura.com\/wp-content\/uploads\/2018\/11\/Habitatges-carrer-Watt-03-x.jpg\" alt=\"Rehabilitaci\u00f3n De Conjunto De Viviendas En Edificio Hist\u00f3rico De Barcelona\" data-no-retina \/><\/a><\/div><div class=\"portfolio-entry-details entry-details wpex-clr\"><h2 class=\"portfolio-entry-title entry-title\"><a href=\"https:\/\/www.garciafaura.com\/es\/portfolio-item\/viviendas-calle-watt\/\" title=\"Viviendas calle Watt\">Viviendas calle Watt<\/a><\/h2><div class=\"portfolio-entry-categories entry-categories wpex-clr\"><a href=\"https:\/\/www.garciafaura.com\/es\/portfolio-category\/conjuntos-residenciales\/\" class=\"term-46\">Conjuntos residenciales<\/a><\/div><\/div><\/div><\/div><div class=\"portfolio-entry vcex-grid-item entry-has-details span_1_of_3 col col-2 vcex-isotope-entry vcex-no-margin-entry post-17966 entry type-portfolio has-media cat-46 cat-55 cat-56 translation_priority-6\"><div class=\"portfolio-entry-inner entry-inner wpex-clr\"><div class=\"portfolio-entry-media entry-media wpex-clr\"><a href=\"https:\/\/www.garciafaura.com\/wp-content\/uploads\/2019\/03\/11264-01.jpg\" title=\"Edificio Alaia\" class=\"portfolio-entry-media-link wpex-lightbox-gallery\" data-gallery=\"[{&quot;src&quot;:&quot;https:\\\/\\\/www.garciafaura.com\\\/wp-content\\\/uploads\\\/2019\\\/03\\\/11264-01.jpg&quot;,&quot;title&quot;:&quot;COLOMBIA ALAIA&quot;},{&quot;src&quot;:&quot;https:\\\/\\\/www.garciafaura.com\\\/wp-content\\\/uploads\\\/2019\\\/03\\\/11264-05.jpg&quot;,&quot;title&quot;:&quot;COLOMBIA ALAIA&quot;},{&quot;src&quot;:&quot;https:\\\/\\\/www.garciafaura.com\\\/wp-content\\\/uploads\\\/2019\\\/03\\\/11264-04.jpg&quot;,&quot;title&quot;:&quot;COLOMBIA ALAIA&quot;},{&quot;src&quot;:&quot;https:\\\/\\\/www.garciafaura.com\\\/wp-content\\\/uploads\\\/2019\\\/03\\\/11264-03.jpg&quot;,&quot;title&quot;:&quot;COLOMBIA ALAIA&quot;},{&quot;src&quot;:&quot;https:\\\/\\\/www.garciafaura.com\\\/wp-content\\\/uploads\\\/2019\\\/03\\\/11264-02.jpg&quot;,&quot;title&quot;:&quot;COLOMBIA ALAIA&quot;}]\"><img loading=\"lazy\" decoding=\"async\" data-no-lazy=\"1\" class=\"portfolio-entry-img skip-lazy\" src=\"https:\/\/www.garciafaura.com\/wp-content\/uploads\/2019\/03\/11264-01-600x314.jpg\" alt=\"COLOMBIA ALAIA\" data-no-retina width=\"600\" height=\"314\" \/><\/a><\/div><div class=\"portfolio-entry-details entry-details wpex-clr\"><h2 class=\"portfolio-entry-title entry-title\"><a href=\"https:\/\/www.garciafaura.com\/es\/portfolio-item\/edificio-alaia\/\" title=\"Edificio Alaia\">Edificio Alaia<\/a><\/h2><div class=\"portfolio-entry-categories entry-categories wpex-clr\"><a href=\"https:\/\/www.garciafaura.com\/es\/portfolio-category\/conjuntos-residenciales\/\" class=\"term-46\">Conjuntos residenciales<\/a><\/div><\/div><\/div><\/div><div class=\"portfolio-entry vcex-grid-item entry-has-details span_1_of_3 col col-3 vcex-isotope-entry vcex-no-margin-entry post-17962 entry type-portfolio has-media cat-46 translation_priority-6\"><div class=\"portfolio-entry-inner entry-inner wpex-clr\"><div class=\"portfolio-entry-media entry-media wpex-clr\"><a href=\"https:\/\/www.garciafaura.com\/wp-content\/uploads\/2018\/11\/Promocio\u0301-Sant-Feliu-Llobregat-01.jpg\" title=\"Promoci\u00f3n Sant Feliu de Llobregat\" class=\"portfolio-entry-media-link wpex-lightbox-gallery\" data-gallery=\"[{&quot;src&quot;:&quot;https:\\\/\\\/www.garciafaura.com\\\/wp-content\\\/uploads\\\/2018\\\/11\\\/Promocio\\u0301-Sant-Feliu-Llobregat-01.jpg&quot;,&quot;title&quot;:&quot;Trabajos de carpinter\\u00eda de aluminio en conjunto de viviendas en Sant Feliu de Llobregat&quot;},{&quot;src&quot;:&quot;https:\\\/\\\/www.garciafaura.com\\\/wp-content\\\/uploads\\\/2018\\\/11\\\/Promocio\\u0301-Sant-Feliu-Llobregat-07.jpg&quot;,&quot;title&quot;:&quot;Trabajos de carpinter\\u00eda de aluminio en conjunto de viviendas en Sant Feliu de Llobregat&quot;},{&quot;src&quot;:&quot;https:\\\/\\\/www.garciafaura.com\\\/wp-content\\\/uploads\\\/2018\\\/11\\\/Promocio\\u0301-Sant-Feliu-Llobregat-06.jpg&quot;,&quot;title&quot;:&quot;Trabajos de carpinter\\u00eda de aluminio en conjunto de viviendas en Sant Feliu de Llobregat&quot;},{&quot;src&quot;:&quot;https:\\\/\\\/www.garciafaura.com\\\/wp-content\\\/uploads\\\/2018\\\/11\\\/Promocio\\u0301-Sant-Feliu-Llobregat-05.jpg&quot;,&quot;title&quot;:&quot;Trabajos de carpinter\\u00eda de aluminio en conjunto de viviendas en Sant Feliu de Llobregat&quot;},{&quot;src&quot;:&quot;https:\\\/\\\/www.garciafaura.com\\\/wp-content\\\/uploads\\\/2018\\\/11\\\/Promocio\\u0301-Sant-Feliu-Llobregat-04.jpg&quot;,&quot;title&quot;:&quot;Trabajos de carpinter\\u00eda de aluminio en conjunto de viviendas en Sant Feliu de Llobregat&quot;},{&quot;src&quot;:&quot;https:\\\/\\\/www.garciafaura.com\\\/wp-content\\\/uploads\\\/2018\\\/11\\\/Promocio\\u0301-Sant-Feliu-Llobregat-03.jpg&quot;,&quot;title&quot;:&quot;Trabajos de carpinter\\u00eda de aluminio en conjunto de viviendas en Sant Feliu de Llobregat&quot;},{&quot;src&quot;:&quot;https:\\\/\\\/www.garciafaura.com\\\/wp-content\\\/uploads\\\/2018\\\/11\\\/Promocio\\u0301-Sant-Feliu-Llobregat-02.jpg&quot;,&quot;title&quot;:&quot;Trabajos de carpinter\\u00eda de aluminio en conjunto de viviendas en Sant Feliu de Llobregat&quot;}]\"><img loading=\"lazy\" decoding=\"async\" data-no-lazy=\"1\" class=\"portfolio-entry-img skip-lazy\" src=\"https:\/\/www.garciafaura.com\/wp-content\/uploads\/2018\/11\/Promocio\u0301-Sant-Feliu-Llobregat-01-600x314.jpg\" alt=\"Trabajos De Carpinter\u00eda De Aluminio En Conjunto De Viviendas En Sant Feliu De Llobregat\" data-no-retina width=\"600\" height=\"314\" \/><\/a><\/div><div class=\"portfolio-entry-details entry-details wpex-clr\"><h2 class=\"portfolio-entry-title entry-title\"><a href=\"https:\/\/www.garciafaura.com\/es\/portfolio-item\/promocion-sant-feliu-de-llobregat-2\/\" title=\"Promoci\u00f3n Sant Feliu de Llobregat\">Promoci\u00f3n Sant Feliu de Llobregat<\/a><\/h2><div class=\"portfolio-entry-categories entry-categories wpex-clr\"><a href=\"https:\/\/www.garciafaura.com\/es\/portfolio-category\/conjuntos-residenciales\/\" class=\"term-46\">Conjuntos residenciales<\/a><\/div><\/div><\/div><\/div><div class=\"portfolio-entry vcex-grid-item entry-has-details span_1_of_3 col col-1 vcex-isotope-entry vcex-no-margin-entry post-17956 entry type-portfolio has-media cat-46 translation_priority-6\"><div class=\"portfolio-entry-inner entry-inner wpex-clr\"><div class=\"portfolio-entry-media entry-media wpex-clr\"><a href=\"https:\/\/www.garciafaura.com\/wp-content\/uploads\/2018\/11\/Promocio\u0301-Arrahona-Sabadell.jpg\" title=\"Promoci\u00f3n Arrahona\" class=\"portfolio-entry-media-link wpex-lightbox-gallery\" data-gallery=\"[{&quot;src&quot;:&quot;https:\\\/\\\/www.garciafaura.com\\\/wp-content\\\/uploads\\\/2018\\\/11\\\/Promocio\\u0301-Arrahona-Sabadell.jpg&quot;,&quot;title&quot;:&quot;Cerramientos en bloque de 23 viviendas p\\u00fablicas en Sabadell&quot;}]\"><img loading=\"lazy\" decoding=\"async\" data-no-lazy=\"1\" class=\"portfolio-entry-img skip-lazy\" src=\"https:\/\/www.garciafaura.com\/wp-content\/uploads\/2018\/11\/Promocio\u0301-Arrahona-Sabadell-600x314.jpg\" alt=\"Cerramientos En Bloque De 23 Viviendas P\u00fablicas En Sabadell\" data-no-retina width=\"600\" height=\"314\" \/><\/a><\/div><div class=\"portfolio-entry-details entry-details wpex-clr\"><h2 class=\"portfolio-entry-title entry-title\"><a href=\"https:\/\/www.garciafaura.com\/es\/portfolio-item\/promocion-arrahona\/\" title=\"Promoci\u00f3n Arrahona\">Promoci\u00f3n Arrahona<\/a><\/h2><div class=\"portfolio-entry-categories entry-categories wpex-clr\"><a href=\"https:\/\/www.garciafaura.com\/es\/portfolio-category\/conjuntos-residenciales\/\" class=\"term-46\">Conjuntos residenciales<\/a><\/div><\/div><\/div><\/div><div class=\"portfolio-entry vcex-grid-item entry-has-details span_1_of_3 col col-2 vcex-isotope-entry vcex-no-margin-entry post-17944 entry type-portfolio has-media cat-46 translation_priority-6\"><div class=\"portfolio-entry-inner entry-inner wpex-clr\"><div class=\"portfolio-entry-media entry-media wpex-clr\"><a href=\"https:\/\/www.garciafaura.com\/wp-content\/uploads\/2018\/11\/Promocio\u0301-carrer-Modolell-05.jpg\" title=\"Promoci\u00f3n calle Modolell\" class=\"portfolio-entry-media-link wpex-lightbox-gallery\" data-gallery=\"[{&quot;src&quot;:&quot;https:\\\/\\\/www.garciafaura.com\\\/wp-content\\\/uploads\\\/2018\\\/11\\\/Promocio\\u0301-carrer-Modolell-01.jpg&quot;,&quot;title&quot;:&quot;Cerramientos en promoci\\u00f3n residencial en el barrio de Sarri\\u00e0 - Sant Gervasi de Barcelona&quot;},{&quot;src&quot;:&quot;https:\\\/\\\/www.garciafaura.com\\\/wp-content\\\/uploads\\\/2018\\\/11\\\/Promocio\\u0301-carrer-Modolell-11.jpg&quot;,&quot;title&quot;:&quot;Cerramientos en promoci\\u00f3n residencial en el barrio de Sarri\\u00e0 - Sant Gervasi de Barcelona&quot;},{&quot;src&quot;:&quot;https:\\\/\\\/www.garciafaura.com\\\/wp-content\\\/uploads\\\/2018\\\/11\\\/Promocio\\u0301-carrer-Modolell-10.jpg&quot;,&quot;title&quot;:&quot;Cerramientos en promoci\\u00f3n residencial en el barrio de Sarri\\u00e0 - Sant Gervasi de Barcelona&quot;},{&quot;src&quot;:&quot;https:\\\/\\\/www.garciafaura.com\\\/wp-content\\\/uploads\\\/2018\\\/11\\\/Promocio\\u0301-carrer-Modolell-09.jpg&quot;,&quot;title&quot;:&quot;Cerramientos en promoci\\u00f3n residencial en el barrio de Sarri\\u00e0 - Sant Gervasi de Barcelona&quot;},{&quot;src&quot;:&quot;https:\\\/\\\/www.garciafaura.com\\\/wp-content\\\/uploads\\\/2018\\\/11\\\/Promocio\\u0301-carrer-Modolell-08.jpg&quot;,&quot;title&quot;:&quot;Cerramientos en promoci\\u00f3n residencial en el barrio de Sarri\\u00e0 - Sant Gervasi de Barcelona&quot;},{&quot;src&quot;:&quot;https:\\\/\\\/www.garciafaura.com\\\/wp-content\\\/uploads\\\/2018\\\/11\\\/Promocio\\u0301-carrer-Modolell-07.jpg&quot;,&quot;title&quot;:&quot;Cerramientos en promoci\\u00f3n residencial en el barrio de Sarri\\u00e0 - Sant Gervasi de Barcelona&quot;},{&quot;src&quot;:&quot;https:\\\/\\\/www.garciafaura.com\\\/wp-content\\\/uploads\\\/2018\\\/11\\\/Promocio\\u0301-carrer-Modolell-06.jpg&quot;,&quot;title&quot;:&quot;Cerramientos en promoci\\u00f3n residencial en el barrio de Sarri\\u00e0 - Sant Gervasi de Barcelona&quot;},{&quot;src&quot;:&quot;https:\\\/\\\/www.garciafaura.com\\\/wp-content\\\/uploads\\\/2018\\\/11\\\/Promocio\\u0301-carrer-Modolell-05.jpg&quot;,&quot;title&quot;:&quot;Cerramientos en promoci\\u00f3n residencial en el barrio de Sarri\\u00e0 - Sant Gervasi de Barcelona&quot;},{&quot;src&quot;:&quot;https:\\\/\\\/www.garciafaura.com\\\/wp-content\\\/uploads\\\/2018\\\/11\\\/Promocio\\u0301-carrer-Modolell-04.jpg&quot;,&quot;title&quot;:&quot;Cerramientos en promoci\\u00f3n residencial en el barrio de Sarri\\u00e0 - Sant Gervasi de Barcelona&quot;},{&quot;src&quot;:&quot;https:\\\/\\\/www.garciafaura.com\\\/wp-content\\\/uploads\\\/2018\\\/11\\\/Promocio\\u0301-carrer-Modolell-02.jpg&quot;,&quot;title&quot;:&quot;Cerramientos en promoci\\u00f3n residencial en el barrio de Sarri\\u00e0 - Sant Gervasi de Barcelona&quot;},{&quot;src&quot;:&quot;https:\\\/\\\/www.garciafaura.com\\\/wp-content\\\/uploads\\\/2018\\\/11\\\/Promocio\\u0301-carrer-Modolell-03.jpg&quot;,&quot;title&quot;:&quot;Cerramientos en promoci\\u00f3n residencial en el barrio de Sarri\\u00e0 - Sant Gervasi de Barcelona&quot;}]\"><img loading=\"lazy\" decoding=\"async\" data-no-lazy=\"1\" class=\"portfolio-entry-img skip-lazy\" src=\"https:\/\/www.garciafaura.com\/wp-content\/uploads\/2018\/11\/Promocio\u0301-carrer-Modolell-05-600x314.jpg\" alt=\"Cerramientos En Promoci\u00f3n Residencial En El Barrio De Sarri\u00e0 - Sant Gervasi De Barcelona\" data-no-retina width=\"600\" height=\"314\" \/><\/a><\/div><div class=\"portfolio-entry-details entry-details wpex-clr\"><h2 class=\"portfolio-entry-title entry-title\"><a href=\"https:\/\/www.garciafaura.com\/es\/portfolio-item\/promocion-calle-modolell\/\" title=\"Promoci\u00f3n calle Modolell\">Promoci\u00f3n calle Modolell<\/a><\/h2><div class=\"portfolio-entry-categories entry-categories wpex-clr\"><a href=\"https:\/\/www.garciafaura.com\/es\/portfolio-category\/conjuntos-residenciales\/\" class=\"term-46\">Conjuntos residenciales<\/a><\/div><\/div><\/div><\/div><div class=\"portfolio-entry vcex-grid-item entry-has-details span_1_of_3 col col-3 vcex-isotope-entry vcex-no-margin-entry post-17941 entry type-portfolio has-media cat-46 translation_priority-6\"><div class=\"portfolio-entry-inner entry-inner wpex-clr\"><div class=\"portfolio-entry-media entry-media wpex-clr\"><a href=\"https:\/\/www.garciafaura.com\/wp-content\/uploads\/2018\/11\/Promocio\u0301-carrer-Came\u0300lies-06.jpg\" title=\"Promoci\u00f3n Cam\u00e8lies\" class=\"portfolio-entry-media-link wpex-lightbox-gallery\" data-gallery=\"[{&quot;src&quot;:&quot;https:\\\/\\\/www.garciafaura.com\\\/wp-content\\\/uploads\\\/2018\\\/11\\\/Promocio\\u0301-carrer-Came\\u0300lies-01.jpg&quot;,&quot;title&quot;:&quot;Cerramientos y protecciones solares para promoci\\u00f3n de viviendas en Barcelona&quot;},{&quot;src&quot;:&quot;https:\\\/\\\/www.garciafaura.com\\\/wp-content\\\/uploads\\\/2018\\\/11\\\/Promocio\\u0301-carrer-Came\\u0300lies-06.jpg&quot;,&quot;title&quot;:&quot;Cerramientos y protecciones solares para promoci\\u00f3n de viviendas en Barcelona&quot;},{&quot;src&quot;:&quot;https:\\\/\\\/www.garciafaura.com\\\/wp-content\\\/uploads\\\/2018\\\/11\\\/Promocio\\u0301-carrer-Came\\u0300lies-05.jpg&quot;,&quot;title&quot;:&quot;Cerramientos y protecciones solares para promoci\\u00f3n de viviendas en Barcelona&quot;},{&quot;src&quot;:&quot;https:\\\/\\\/www.garciafaura.com\\\/wp-content\\\/uploads\\\/2018\\\/11\\\/Promocio\\u0301-carrer-Came\\u0300lies-04.jpg&quot;,&quot;title&quot;:&quot;Cerramientos y protecciones solares para promoci\\u00f3n de viviendas en Barcelona&quot;},{&quot;src&quot;:&quot;https:\\\/\\\/www.garciafaura.com\\\/wp-content\\\/uploads\\\/2018\\\/11\\\/Promocio\\u0301-carrer-Came\\u0300lies-03.jpg&quot;,&quot;title&quot;:&quot;Cerramientos y protecciones solares para promoci\\u00f3n de viviendas en Barcelona&quot;},{&quot;src&quot;:&quot;https:\\\/\\\/www.garciafaura.com\\\/wp-content\\\/uploads\\\/2018\\\/11\\\/Promocio\\u0301-carrer-Came\\u0300lies-02.jpg&quot;,&quot;title&quot;:&quot;Cerramientos y protecciones solares para promoci\\u00f3n de viviendas en Barcelona&quot;}]\"><img loading=\"lazy\" decoding=\"async\" data-no-lazy=\"1\" class=\"portfolio-entry-img skip-lazy\" src=\"https:\/\/www.garciafaura.com\/wp-content\/uploads\/2018\/11\/Promocio\u0301-carrer-Came\u0300lies-06-600x314.jpg\" alt=\"Cerramientos Y Protecciones Solares Para Promoci\u00f3n De Viviendas En Barcelona\" data-no-retina width=\"600\" height=\"314\" \/><\/a><\/div><div class=\"portfolio-entry-details entry-details wpex-clr\"><h2 class=\"portfolio-entry-title entry-title\"><a href=\"https:\/\/www.garciafaura.com\/es\/portfolio-item\/promocion-camelies\/\" title=\"Promoci\u00f3n Cam\u00e8lies\">Promoci\u00f3n Cam\u00e8lies<\/a><\/h2><div class=\"portfolio-entry-categories entry-categories wpex-clr\"><a href=\"https:\/\/www.garciafaura.com\/es\/portfolio-category\/conjuntos-residenciales\/\" class=\"term-46\">Conjuntos residenciales<\/a><\/div><\/div><\/div><\/div><div class=\"portfolio-entry vcex-grid-item entry-has-details span_1_of_3 col col-1 vcex-isotope-entry vcex-no-margin-entry post-17935 entry type-portfolio has-media cat-46 translation_priority-6\"><div class=\"portfolio-entry-inner entry-inner wpex-clr\"><div class=\"portfolio-entry-media entry-media wpex-clr\"><a href=\"https:\/\/www.garciafaura.com\/wp-content\/uploads\/2018\/11\/Promocio\u0301-Carreras-Candi-01.jpg\" title=\"Promoci\u00f3n Carreras Candi\" class=\"portfolio-entry-media-link wpex-lightbox-gallery\" data-gallery=\"[{&quot;src&quot;:&quot;https:\\\/\\\/www.garciafaura.com\\\/wp-content\\\/uploads\\\/2018\\\/11\\\/Promocio\\u0301-Carreras-Candi-01.jpg&quot;,&quot;title&quot;:&quot;Cerramientos de aluminio y vidrio en promoci\\u00f3n de viviendas en Barcelona&quot;},{&quot;src&quot;:&quot;https:\\\/\\\/www.garciafaura.com\\\/wp-content\\\/uploads\\\/2018\\\/11\\\/Promocio\\u0301-Carreras-Candi-12.jpg&quot;,&quot;title&quot;:&quot;Cerramientos de aluminio y vidrio en promoci\\u00f3n de viviendas en Barcelona&quot;},{&quot;src&quot;:&quot;https:\\\/\\\/www.garciafaura.com\\\/wp-content\\\/uploads\\\/2018\\\/11\\\/Promocio\\u0301-Carreras-Candi-11.jpg&quot;,&quot;title&quot;:&quot;Cerramientos de aluminio y vidrio en promoci\\u00f3n de viviendas en Barcelona&quot;},{&quot;src&quot;:&quot;https:\\\/\\\/www.garciafaura.com\\\/wp-content\\\/uploads\\\/2018\\\/11\\\/Promocio\\u0301-Carreras-Candi-10.jpg&quot;,&quot;title&quot;:&quot;Cerramientos de aluminio y vidrio en promoci\\u00f3n de viviendas en Barcelona&quot;},{&quot;src&quot;:&quot;https:\\\/\\\/www.garciafaura.com\\\/wp-content\\\/uploads\\\/2018\\\/11\\\/Promocio\\u0301-Carreras-Candi-09.jpg&quot;,&quot;title&quot;:&quot;Cerramientos de aluminio y vidrio en promoci\\u00f3n de viviendas en Barcelona&quot;},{&quot;src&quot;:&quot;https:\\\/\\\/www.garciafaura.com\\\/wp-content\\\/uploads\\\/2018\\\/11\\\/Promocio\\u0301-Carreras-Candi-08.jpg&quot;,&quot;title&quot;:&quot;Cerramientos de aluminio y vidrio en promoci\\u00f3n de viviendas en Barcelona&quot;},{&quot;src&quot;:&quot;https:\\\/\\\/www.garciafaura.com\\\/wp-content\\\/uploads\\\/2018\\\/11\\\/Promocio\\u0301-Carreras-Candi-07.jpg&quot;,&quot;title&quot;:&quot;Cerramientos de aluminio y vidrio en promoci\\u00f3n de viviendas en Barcelona&quot;},{&quot;src&quot;:&quot;https:\\\/\\\/www.garciafaura.com\\\/wp-content\\\/uploads\\\/2018\\\/11\\\/Promocio\\u0301-Carreras-Candi-06.jpg&quot;,&quot;title&quot;:&quot;Cerramientos de aluminio y vidrio en promoci\\u00f3n de viviendas en Barcelona&quot;},{&quot;src&quot;:&quot;https:\\\/\\\/www.garciafaura.com\\\/wp-content\\\/uploads\\\/2018\\\/11\\\/Promocio\\u0301-Carreras-Candi-05.jpg&quot;,&quot;title&quot;:&quot;Cerramientos de aluminio y vidrio en promoci\\u00f3n de viviendas en Barcelona&quot;},{&quot;src&quot;:&quot;https:\\\/\\\/www.garciafaura.com\\\/wp-content\\\/uploads\\\/2018\\\/11\\\/Promocio\\u0301-Carreras-Candi-04.jpg&quot;,&quot;title&quot;:&quot;Cerramientos de aluminio y vidrio en promoci\\u00f3n de viviendas en Barcelona&quot;},{&quot;src&quot;:&quot;https:\\\/\\\/www.garciafaura.com\\\/wp-content\\\/uploads\\\/2018\\\/11\\\/Promocio\\u0301-Carreras-Candi-03.jpg&quot;,&quot;title&quot;:&quot;Cerramientos de aluminio y vidrio en promoci\\u00f3n de viviendas en Barcelona&quot;},{&quot;src&quot;:&quot;https:\\\/\\\/www.garciafaura.com\\\/wp-content\\\/uploads\\\/2018\\\/11\\\/Promocio\\u0301-Carreras-Candi-02.jpg&quot;,&quot;title&quot;:&quot;Cerramientos de aluminio y vidrio en promoci\\u00f3n de viviendas en Barcelona&quot;}]\"><img loading=\"lazy\" decoding=\"async\" data-no-lazy=\"1\" class=\"portfolio-entry-img skip-lazy\" src=\"https:\/\/www.garciafaura.com\/wp-content\/uploads\/2018\/11\/Promocio\u0301-Carreras-Candi-01-600x314.jpg\" alt=\"Cerramientos De Aluminio Y Vidrio En Promoci\u00f3n De Viviendas En Barcelona\" data-no-retina width=\"600\" height=\"314\" \/><\/a><\/div><div class=\"portfolio-entry-details entry-details wpex-clr\"><h2 class=\"portfolio-entry-title entry-title\"><a href=\"https:\/\/www.garciafaura.com\/es\/portfolio-item\/promocion-carreras-candi\/\" title=\"Promoci\u00f3n Carreras Candi\">Promoci\u00f3n Carreras Candi<\/a><\/h2><div class=\"portfolio-entry-categories entry-categories wpex-clr\"><a href=\"https:\/\/www.garciafaura.com\/es\/portfolio-category\/conjuntos-residenciales\/\" class=\"term-46\">Conjuntos residenciales<\/a><\/div><\/div><\/div><\/div><div class=\"portfolio-entry vcex-grid-item entry-has-details span_1_of_3 col col-2 vcex-isotope-entry vcex-no-margin-entry post-17898 entry type-portfolio has-media cat-46 translation_priority-6\"><div class=\"portfolio-entry-inner entry-inner wpex-clr\"><div class=\"portfolio-entry-media entry-media wpex-clr\"><a href=\"https:\/\/www.garciafaura.com\/wp-content\/uploads\/2018\/10\/Promocio\u0301-Vergo\u0301s-03.jpg\" title=\"Promoci\u00f3n Verg\u00f3s\" class=\"portfolio-entry-media-link wpex-lightbox-gallery\" data-gallery=\"[{&quot;src&quot;:&quot;https:\\\/\\\/www.garciafaura.com\\\/wp-content\\\/uploads\\\/2018\\\/10\\\/Promocio\\u0301-Sant-Just-01.jpg&quot;,&quot;title&quot;:&quot;Promoci\\u00f3n de 96 viviendas en Sant Just Desvern&quot;},{&quot;src&quot;:&quot;https:\\\/\\\/www.garciafaura.com\\\/wp-content\\\/uploads\\\/2018\\\/10\\\/Promocio\\u0301-Sant-Just-17.jpg&quot;,&quot;title&quot;:&quot;Promoci\\u00f3n de 96 viviendas en Sant Just Desvern&quot;},{&quot;src&quot;:&quot;https:\\\/\\\/www.garciafaura.com\\\/wp-content\\\/uploads\\\/2018\\\/10\\\/Promocio\\u0301-Sant-Just-16.jpg&quot;,&quot;title&quot;:&quot;Promoci\\u00f3n de 96 viviendas en Sant Just Desvern&quot;},{&quot;src&quot;:&quot;https:\\\/\\\/www.garciafaura.com\\\/wp-content\\\/uploads\\\/2018\\\/10\\\/Promocio\\u0301-Sant-Just-15.jpg&quot;,&quot;title&quot;:&quot;Promoci\\u00f3n de 96 viviendas en Sant Just Desvern&quot;},{&quot;src&quot;:&quot;https:\\\/\\\/www.garciafaura.com\\\/wp-content\\\/uploads\\\/2018\\\/10\\\/Promocio\\u0301-Sant-Just-14.jpg&quot;,&quot;title&quot;:&quot;Promoci\\u00f3n de 96 viviendas en Sant Just Desvern&quot;},{&quot;src&quot;:&quot;https:\\\/\\\/www.garciafaura.com\\\/wp-content\\\/uploads\\\/2018\\\/10\\\/Promocio\\u0301-Sant-Just-13.jpg&quot;,&quot;title&quot;:&quot;Promoci\\u00f3n de 96 viviendas en Sant Just Desvern&quot;},{&quot;src&quot;:&quot;https:\\\/\\\/www.garciafaura.com\\\/wp-content\\\/uploads\\\/2018\\\/10\\\/Promocio\\u0301-Sant-Just-12.jpg&quot;,&quot;title&quot;:&quot;Promoci\\u00f3n de 96 viviendas en Sant Just Desvern&quot;},{&quot;src&quot;:&quot;https:\\\/\\\/www.garciafaura.com\\\/wp-content\\\/uploads\\\/2018\\\/10\\\/Promocio\\u0301-Sant-Just-11.jpg&quot;,&quot;title&quot;:&quot;Promoci\\u00f3n de 96 viviendas en Sant Just Desvern&quot;},{&quot;src&quot;:&quot;https:\\\/\\\/www.garciafaura.com\\\/wp-content\\\/uploads\\\/2018\\\/10\\\/Promocio\\u0301-Sant-Just-10.jpg&quot;,&quot;title&quot;:&quot;Promoci\\u00f3n de 96 viviendas en Sant Just Desvern&quot;},{&quot;src&quot;:&quot;https:\\\/\\\/www.garciafaura.com\\\/wp-content\\\/uploads\\\/2018\\\/10\\\/Promocio\\u0301-Sant-Just-09.jpg&quot;,&quot;title&quot;:&quot;Promoci\\u00f3n de 96 viviendas en Sant Just Desvern&quot;},{&quot;src&quot;:&quot;https:\\\/\\\/www.garciafaura.com\\\/wp-content\\\/uploads\\\/2018\\\/10\\\/Promocio\\u0301-Sant-Just-08.jpg&quot;,&quot;title&quot;:&quot;Promoci\\u00f3n de 96 viviendas en Sant Just Desvern&quot;},{&quot;src&quot;:&quot;https:\\\/\\\/www.garciafaura.com\\\/wp-content\\\/uploads\\\/2018\\\/10\\\/Promocio\\u0301-Sant-Just-07.jpg&quot;,&quot;title&quot;:&quot;Promoci\\u00f3n de 96 viviendas en Sant Just Desvern&quot;},{&quot;src&quot;:&quot;https:\\\/\\\/www.garciafaura.com\\\/wp-content\\\/uploads\\\/2018\\\/10\\\/Promocio\\u0301-Sant-Just-06.jpg&quot;,&quot;title&quot;:&quot;Promoci\\u00f3n de 96 viviendas en Sant Just Desvern&quot;},{&quot;src&quot;:&quot;https:\\\/\\\/www.garciafaura.com\\\/wp-content\\\/uploads\\\/2018\\\/10\\\/Promocio\\u0301-Sant-Just-05.jpg&quot;,&quot;title&quot;:&quot;Promoci\\u00f3n de 96 viviendas en Sant Just Desvern&quot;},{&quot;src&quot;:&quot;https:\\\/\\\/www.garciafaura.com\\\/wp-content\\\/uploads\\\/2018\\\/10\\\/Promocio\\u0301-Sant-Just-04.jpg&quot;,&quot;title&quot;:&quot;Promoci\\u00f3n de 96 viviendas en Sant Just Desvern&quot;},{&quot;src&quot;:&quot;https:\\\/\\\/www.garciafaura.com\\\/wp-content\\\/uploads\\\/2018\\\/10\\\/Promocio\\u0301-Sant-Just-03.jpg&quot;,&quot;title&quot;:&quot;Promoci\\u00f3n de 96 viviendas en Sant Just Desvern&quot;},{&quot;src&quot;:&quot;https:\\\/\\\/www.garciafaura.com\\\/wp-content\\\/uploads\\\/2018\\\/10\\\/Promocio\\u0301-Sant-Just-02.jpg&quot;,&quot;title&quot;:&quot;Promoci\\u00f3n de 96 viviendas en Sant Just Desvern&quot;},{&quot;src&quot;:&quot;https:\\\/\\\/www.garciafaura.com\\\/wp-content\\\/uploads\\\/2018\\\/10\\\/Promocio\\u0301-Vergo\\u0301s-01.jpg&quot;,&quot;title&quot;:&quot;Cerramientos en promoci\\u00f3n de 17 viviendas de alto standing en Barcelona&quot;},{&quot;src&quot;:&quot;https:\\\/\\\/www.garciafaura.com\\\/wp-content\\\/uploads\\\/2018\\\/10\\\/Promocio\\u0301-Vergo\\u0301s-13.jpg&quot;,&quot;title&quot;:&quot;Cerramientos en promoci\\u00f3n de 17 viviendas de alto standing en Barcelona&quot;},{&quot;src&quot;:&quot;https:\\\/\\\/www.garciafaura.com\\\/wp-content\\\/uploads\\\/2018\\\/10\\\/Promocio\\u0301-Vergo\\u0301s-12.jpg&quot;,&quot;title&quot;:&quot;Cerramientos en promoci\\u00f3n de 17 viviendas de alto standing en Barcelona&quot;},{&quot;src&quot;:&quot;https:\\\/\\\/www.garciafaura.com\\\/wp-content\\\/uploads\\\/2018\\\/10\\\/Promocio\\u0301-Vergo\\u0301s-11.jpg&quot;,&quot;title&quot;:&quot;Cerramientos en promoci\\u00f3n de 17 viviendas de alto standing en Barcelona&quot;},{&quot;src&quot;:&quot;https:\\\/\\\/www.garciafaura.com\\\/wp-content\\\/uploads\\\/2018\\\/10\\\/Promocio\\u0301-Vergo\\u0301s-10.jpg&quot;,&quot;title&quot;:&quot;Cerramientos en promoci\\u00f3n de 17 viviendas de alto standing en Barcelona&quot;},{&quot;src&quot;:&quot;https:\\\/\\\/www.garciafaura.com\\\/wp-content\\\/uploads\\\/2018\\\/10\\\/Promocio\\u0301-Vergo\\u0301s-09.jpg&quot;,&quot;title&quot;:&quot;Cerramientos en promoci\\u00f3n de 17 viviendas de alto standing en Barcelona&quot;},{&quot;src&quot;:&quot;https:\\\/\\\/www.garciafaura.com\\\/wp-content\\\/uploads\\\/2018\\\/10\\\/Promocio\\u0301-Vergo\\u0301s-08.jpg&quot;,&quot;title&quot;:&quot;Cerramientos en promoci\\u00f3n de 17 viviendas de alto standing en Barcelona&quot;},{&quot;src&quot;:&quot;https:\\\/\\\/www.garciafaura.com\\\/wp-content\\\/uploads\\\/2018\\\/10\\\/Promocio\\u0301-Vergo\\u0301s-07.jpg&quot;,&quot;title&quot;:&quot;Cerramientos en promoci\\u00f3n de 17 viviendas de alto standing en Barcelona&quot;},{&quot;src&quot;:&quot;https:\\\/\\\/www.garciafaura.com\\\/wp-content\\\/uploads\\\/2018\\\/10\\\/Promocio\\u0301-Vergo\\u0301s-06.jpg&quot;,&quot;title&quot;:&quot;Cerramientos en promoci\\u00f3n de 17 viviendas de alto standing en Barcelona&quot;},{&quot;src&quot;:&quot;https:\\\/\\\/www.garciafaura.com\\\/wp-content\\\/uploads\\\/2018\\\/10\\\/Promocio\\u0301-Vergo\\u0301s-05.jpg&quot;,&quot;title&quot;:&quot;Cerramientos en promoci\\u00f3n de 17 viviendas de alto standing en Barcelona&quot;},{&quot;src&quot;:&quot;https:\\\/\\\/www.garciafaura.com\\\/wp-content\\\/uploads\\\/2018\\\/10\\\/Promocio\\u0301-Vergo\\u0301s-04.jpg&quot;,&quot;title&quot;:&quot;Cerramientos en promoci\\u00f3n de 17 viviendas de alto standing en Barcelona&quot;},{&quot;src&quot;:&quot;https:\\\/\\\/www.garciafaura.com\\\/wp-content\\\/uploads\\\/2018\\\/10\\\/Promocio\\u0301-Vergo\\u0301s-03.jpg&quot;,&quot;title&quot;:&quot;Cerramientos en promoci\\u00f3n de 17 viviendas de alto standing en Barcelona&quot;},{&quot;src&quot;:&quot;https:\\\/\\\/www.garciafaura.com\\\/wp-content\\\/uploads\\\/2018\\\/10\\\/Promocio\\u0301-Vergo\\u0301s-02.jpg&quot;,&quot;title&quot;:&quot;Cerramientos en promoci\\u00f3n de 17 viviendas de alto standing en Barcelona&quot;},{&quot;src&quot;:&quot;https:\\\/\\\/www.garciafaura.com\\\/wp-content\\\/uploads\\\/2018\\\/10\\\/Promocio\\u0301-Vergo\\u0301s-01.jpg&quot;,&quot;title&quot;:&quot;Cerramientos en promoci\\u00f3n de 17 viviendas de alto standing en Barcelona&quot;},{&quot;src&quot;:&quot;https:\\\/\\\/www.garciafaura.com\\\/wp-content\\\/uploads\\\/2018\\\/10\\\/Promocio\\u0301-Vergo\\u0301s-13.jpg&quot;,&quot;title&quot;:&quot;Cerramientos en promoci\\u00f3n de 17 viviendas de alto standing en Barcelona&quot;},{&quot;src&quot;:&quot;https:\\\/\\\/www.garciafaura.com\\\/wp-content\\\/uploads\\\/2018\\\/10\\\/Promocio\\u0301-Vergo\\u0301s-12.jpg&quot;,&quot;title&quot;:&quot;Cerramientos en promoci\\u00f3n de 17 viviendas de alto standing en Barcelona&quot;},{&quot;src&quot;:&quot;https:\\\/\\\/www.garciafaura.com\\\/wp-content\\\/uploads\\\/2018\\\/10\\\/Promocio\\u0301-Vergo\\u0301s-11.jpg&quot;,&quot;title&quot;:&quot;Cerramientos en promoci\\u00f3n de 17 viviendas de alto standing en Barcelona&quot;},{&quot;src&quot;:&quot;https:\\\/\\\/www.garciafaura.com\\\/wp-content\\\/uploads\\\/2018\\\/10\\\/Promocio\\u0301-Vergo\\u0301s-10.jpg&quot;,&quot;title&quot;:&quot;Cerramientos en promoci\\u00f3n de 17 viviendas de alto standing en Barcelona&quot;},{&quot;src&quot;:&quot;https:\\\/\\\/www.garciafaura.com\\\/wp-content\\\/uploads\\\/2018\\\/10\\\/Promocio\\u0301-Vergo\\u0301s-09.jpg&quot;,&quot;title&quot;:&quot;Cerramientos en promoci\\u00f3n de 17 viviendas de alto standing en Barcelona&quot;},{&quot;src&quot;:&quot;https:\\\/\\\/www.garciafaura.com\\\/wp-content\\\/uploads\\\/2018\\\/10\\\/Promocio\\u0301-Vergo\\u0301s-08.jpg&quot;,&quot;title&quot;:&quot;Cerramientos en promoci\\u00f3n de 17 viviendas de alto standing en Barcelona&quot;},{&quot;src&quot;:&quot;https:\\\/\\\/www.garciafaura.com\\\/wp-content\\\/uploads\\\/2018\\\/10\\\/Promocio\\u0301-Vergo\\u0301s-07.jpg&quot;,&quot;title&quot;:&quot;Cerramientos en promoci\\u00f3n de 17 viviendas de alto standing en Barcelona&quot;},{&quot;src&quot;:&quot;https:\\\/\\\/www.garciafaura.com\\\/wp-content\\\/uploads\\\/2018\\\/10\\\/Promocio\\u0301-Vergo\\u0301s-06.jpg&quot;,&quot;title&quot;:&quot;Cerramientos en promoci\\u00f3n de 17 viviendas de alto standing en Barcelona&quot;},{&quot;src&quot;:&quot;https:\\\/\\\/www.garciafaura.com\\\/wp-content\\\/uploads\\\/2018\\\/10\\\/Promocio\\u0301-Vergo\\u0301s-05.jpg&quot;,&quot;title&quot;:&quot;Cerramientos en promoci\\u00f3n de 17 viviendas de alto standing en Barcelona&quot;},{&quot;src&quot;:&quot;https:\\\/\\\/www.garciafaura.com\\\/wp-content\\\/uploads\\\/2018\\\/10\\\/Promocio\\u0301-Vergo\\u0301s-04.jpg&quot;,&quot;title&quot;:&quot;Cerramientos en promoci\\u00f3n de 17 viviendas de alto standing en Barcelona&quot;},{&quot;src&quot;:&quot;https:\\\/\\\/www.garciafaura.com\\\/wp-content\\\/uploads\\\/2018\\\/10\\\/Promocio\\u0301-Vergo\\u0301s-03.jpg&quot;,&quot;title&quot;:&quot;Cerramientos en promoci\\u00f3n de 17 viviendas de alto standing en Barcelona&quot;},{&quot;src&quot;:&quot;https:\\\/\\\/www.garciafaura.com\\\/wp-content\\\/uploads\\\/2018\\\/10\\\/Promocio\\u0301-Vergo\\u0301s-02.jpg&quot;,&quot;title&quot;:&quot;Cerramientos en promoci\\u00f3n de 17 viviendas de alto standing en Barcelona&quot;}]\"><img loading=\"lazy\" decoding=\"async\" data-no-lazy=\"1\" class=\"portfolio-entry-img skip-lazy\" src=\"https:\/\/www.garciafaura.com\/wp-content\/uploads\/2018\/10\/Promocio\u0301-Vergo\u0301s-03-600x314.jpg\" alt=\"Cerramientos En Promoci\u00f3n De 17 Viviendas De Alto Standing En Barcelona\" data-no-retina width=\"600\" height=\"314\" \/><\/a><\/div><div class=\"portfolio-entry-details entry-details wpex-clr\"><h2 class=\"portfolio-entry-title entry-title\"><a href=\"https:\/\/www.garciafaura.com\/es\/portfolio-item\/promocion-vergos\/\" title=\"Promoci\u00f3n Verg\u00f3s\">Promoci\u00f3n Verg\u00f3s<\/a><\/h2><div class=\"portfolio-entry-categories entry-categories wpex-clr\"><a href=\"https:\/\/www.garciafaura.com\/es\/portfolio-category\/conjuntos-residenciales\/\" class=\"term-46\">Conjuntos residenciales<\/a><\/div><\/div><\/div><\/div><div class=\"portfolio-entry vcex-grid-item entry-has-details span_1_of_3 col col-3 vcex-isotope-entry vcex-no-margin-entry post-17891 entry type-portfolio has-media cat-46 translation_priority-6\"><div class=\"portfolio-entry-inner entry-inner wpex-clr\"><div class=\"portfolio-entry-media entry-media wpex-clr\"><a href=\"https:\/\/www.garciafaura.com\/wp-content\/uploads\/2018\/10\/Promocio\u0301-Parc-Tecnolo\u0300gic-Viladecans-02.jpg\" title=\"Promoci\u00f3n Parque Tecnol\u00f3gico Viladecans\" class=\"portfolio-entry-media-link wpex-lightbox-gallery\" data-gallery=\"[{&quot;src&quot;:&quot;https:\\\/\\\/www.garciafaura.com\\\/wp-content\\\/uploads\\\/2018\\\/10\\\/Promocio\\u0301-Parc-Tecnolo\\u0300gic-Viladecans-01.jpg&quot;,&quot;title&quot;:&quot;Cerramientos de aluminio y vidrio en este bloque de Viladecans&quot;},{&quot;src&quot;:&quot;https:\\\/\\\/www.garciafaura.com\\\/wp-content\\\/uploads\\\/2018\\\/10\\\/Promocio\\u0301-Parc-Tecnolo\\u0300gic-Viladecans-12.jpg&quot;,&quot;title&quot;:&quot;Cerramientos de aluminio y vidrio en este bloque de Viladecans&quot;},{&quot;src&quot;:&quot;https:\\\/\\\/www.garciafaura.com\\\/wp-content\\\/uploads\\\/2018\\\/10\\\/Promocio\\u0301-Parc-Tecnolo\\u0300gic-Viladecans-11.jpg&quot;,&quot;title&quot;:&quot;Cerramientos de aluminio y vidrio en este bloque de Viladecans&quot;},{&quot;src&quot;:&quot;https:\\\/\\\/www.garciafaura.com\\\/wp-content\\\/uploads\\\/2018\\\/10\\\/Promocio\\u0301-Parc-Tecnolo\\u0300gic-Viladecans-10.jpg&quot;,&quot;title&quot;:&quot;Cerramientos de aluminio y vidrio en este bloque de Viladecans&quot;},{&quot;src&quot;:&quot;https:\\\/\\\/www.garciafaura.com\\\/wp-content\\\/uploads\\\/2018\\\/10\\\/Promocio\\u0301-Parc-Tecnolo\\u0300gic-Viladecans-09.jpg&quot;,&quot;title&quot;:&quot;Cerramientos de aluminio y vidrio en este bloque de Viladecans&quot;},{&quot;src&quot;:&quot;https:\\\/\\\/www.garciafaura.com\\\/wp-content\\\/uploads\\\/2018\\\/10\\\/Promocio\\u0301-Parc-Tecnolo\\u0300gic-Viladecans-08.jpg&quot;,&quot;title&quot;:&quot;Cerramientos de aluminio y vidrio en este bloque de Viladecans&quot;},{&quot;src&quot;:&quot;https:\\\/\\\/www.garciafaura.com\\\/wp-content\\\/uploads\\\/2018\\\/10\\\/Promocio\\u0301-Parc-Tecnolo\\u0300gic-Viladecans-07.jpg&quot;,&quot;title&quot;:&quot;Cerramientos de aluminio y vidrio en este bloque de Viladecans&quot;},{&quot;src&quot;:&quot;https:\\\/\\\/www.garciafaura.com\\\/wp-content\\\/uploads\\\/2018\\\/10\\\/Promocio\\u0301-Parc-Tecnolo\\u0300gic-Viladecans-06.jpg&quot;,&quot;title&quot;:&quot;Cerramientos de aluminio y vidrio en este bloque de Viladecans&quot;},{&quot;src&quot;:&quot;https:\\\/\\\/www.garciafaura.com\\\/wp-content\\\/uploads\\\/2018\\\/10\\\/Promocio\\u0301-Parc-Tecnolo\\u0300gic-Viladecans-05.jpg&quot;,&quot;title&quot;:&quot;Cerramientos de aluminio y vidrio en este bloque de Viladecans&quot;},{&quot;src&quot;:&quot;https:\\\/\\\/www.garciafaura.com\\\/wp-content\\\/uploads\\\/2018\\\/10\\\/Promocio\\u0301-Parc-Tecnolo\\u0300gic-Viladecans-04.jpg&quot;,&quot;title&quot;:&quot;Cerramientos de aluminio y vidrio en este bloque de Viladecans&quot;},{&quot;src&quot;:&quot;https:\\\/\\\/www.garciafaura.com\\\/wp-content\\\/uploads\\\/2018\\\/10\\\/Promocio\\u0301-Parc-Tecnolo\\u0300gic-Viladecans-03.jpg&quot;,&quot;title&quot;:&quot;Cerramientos de aluminio y vidrio en este bloque de Viladecans&quot;},{&quot;src&quot;:&quot;https:\\\/\\\/www.garciafaura.com\\\/wp-content\\\/uploads\\\/2018\\\/10\\\/Promocio\\u0301-Parc-Tecnolo\\u0300gic-Viladecans-02.jpg&quot;,&quot;title&quot;:&quot;Cerramientos de aluminio y vidrio en este bloque de Viladecans&quot;}]\"><img loading=\"lazy\" decoding=\"async\" data-no-lazy=\"1\" class=\"portfolio-entry-img skip-lazy\" src=\"https:\/\/www.garciafaura.com\/wp-content\/uploads\/2018\/10\/Promocio\u0301-Parc-Tecnolo\u0300gic-Viladecans-02-600x314.jpg\" alt=\"Cerramientos De Aluminio Y Vidrio En Este Bloque De Viladecans\" data-no-retina width=\"600\" height=\"314\" \/><\/a><\/div><div class=\"portfolio-entry-details entry-details wpex-clr\"><h2 class=\"portfolio-entry-title entry-title\"><a href=\"https:\/\/www.garciafaura.com\/es\/portfolio-item\/promocion-parque-tecnologico-viladecans\/\" title=\"Promoci\u00f3n Parque Tecnol\u00f3gico Viladecans\">Promoci\u00f3n Parque Tecnol\u00f3gico Viladecans<\/a><\/h2><div class=\"portfolio-entry-categories entry-categories wpex-clr\"><a href=\"https:\/\/www.garciafaura.com\/es\/portfolio-category\/conjuntos-residenciales\/\" class=\"term-46\">Conjuntos residenciales<\/a><\/div><\/div><\/div><\/div><div class=\"portfolio-entry vcex-grid-item entry-has-details span_1_of_3 col col-1 vcex-isotope-entry vcex-no-margin-entry post-17879 entry type-portfolio has-media cat-46 translation_priority-6\"><div class=\"portfolio-entry-inner entry-inner wpex-clr\"><div class=\"portfolio-entry-media entry-media wpex-clr\"><a href=\"https:\/\/www.garciafaura.com\/wp-content\/uploads\/2018\/10\/Promocio\u0301-Sant-Roc-Badalona-01.jpg\" title=\"Promoci\u00f3n Sant Roc\" class=\"portfolio-entry-media-link wpex-lightbox-gallery\" data-gallery=\"[{&quot;src&quot;:&quot;https:\\\/\\\/www.garciafaura.com\\\/wp-content\\\/uploads\\\/2018\\\/10\\\/Promocio\\u0301-Sant-Roc-Badalona-01.jpg&quot;,&quot;title&quot;:&quot;Cerramientos de 28 viviendas de protecci\\u00f3n oficial en Badalona.&quot;},{&quot;src&quot;:&quot;https:\\\/\\\/www.garciafaura.com\\\/wp-content\\\/uploads\\\/2018\\\/10\\\/Promocio\\u0301-Sant-Roc-Badalona-10.jpg&quot;,&quot;title&quot;:&quot;Cerramientos de 28 viviendas de protecci\\u00f3n oficial en Badalona.&quot;},{&quot;src&quot;:&quot;https:\\\/\\\/www.garciafaura.com\\\/wp-content\\\/uploads\\\/2018\\\/10\\\/Promocio\\u0301-Sant-Roc-Badalona-09.jpg&quot;,&quot;title&quot;:&quot;Cerramientos de 28 viviendas de protecci\\u00f3n oficial en Badalona.&quot;},{&quot;src&quot;:&quot;https:\\\/\\\/www.garciafaura.com\\\/wp-content\\\/uploads\\\/2018\\\/10\\\/Promocio\\u0301-Sant-Roc-Badalona-08.jpg&quot;,&quot;title&quot;:&quot;Cerramientos de 28 viviendas de protecci\\u00f3n oficial en Badalona.&quot;},{&quot;src&quot;:&quot;https:\\\/\\\/www.garciafaura.com\\\/wp-content\\\/uploads\\\/2018\\\/10\\\/Promocio\\u0301-Sant-Roc-Badalona-07.jpg&quot;,&quot;title&quot;:&quot;Cerramientos de 28 viviendas de protecci\\u00f3n oficial en Badalona.&quot;},{&quot;src&quot;:&quot;https:\\\/\\\/www.garciafaura.com\\\/wp-content\\\/uploads\\\/2018\\\/10\\\/Promocio\\u0301-Sant-Roc-Badalona-06.jpg&quot;,&quot;title&quot;:&quot;Cerramientos de 28 viviendas de protecci\\u00f3n oficial en Badalona.&quot;},{&quot;src&quot;:&quot;https:\\\/\\\/www.garciafaura.com\\\/wp-content\\\/uploads\\\/2018\\\/10\\\/Promocio\\u0301-Sant-Roc-Badalona-05.jpg&quot;,&quot;title&quot;:&quot;Cerramientos de 28 viviendas de protecci\\u00f3n oficial en Badalona.&quot;},{&quot;src&quot;:&quot;https:\\\/\\\/www.garciafaura.com\\\/wp-content\\\/uploads\\\/2018\\\/10\\\/Promocio\\u0301-Sant-Roc-Badalona-04.jpg&quot;,&quot;title&quot;:&quot;Cerramientos de 28 viviendas de protecci\\u00f3n oficial en Badalona.&quot;},{&quot;src&quot;:&quot;https:\\\/\\\/www.garciafaura.com\\\/wp-content\\\/uploads\\\/2018\\\/10\\\/Promocio\\u0301-Sant-Roc-Badalona-03.jpg&quot;,&quot;title&quot;:&quot;Cerramientos de 28 viviendas de protecci\\u00f3n oficial en Badalona.&quot;},{&quot;src&quot;:&quot;https:\\\/\\\/www.garciafaura.com\\\/wp-content\\\/uploads\\\/2018\\\/10\\\/Promocio\\u0301-Sant-Roc-Badalona-02.jpg&quot;,&quot;title&quot;:&quot;Cerramientos de 28 viviendas de protecci\\u00f3n oficial en Badalona.&quot;}]\"><img loading=\"lazy\" decoding=\"async\" data-no-lazy=\"1\" class=\"portfolio-entry-img skip-lazy\" src=\"https:\/\/www.garciafaura.com\/wp-content\/uploads\/2018\/10\/Promocio\u0301-Sant-Roc-Badalona-01-600x314.jpg\" alt=\"Cerramientos De 28 Viviendas De Protecci\u00f3n Oficial En Badalona.\" data-no-retina width=\"600\" height=\"314\" \/><\/a><\/div><div class=\"portfolio-entry-details entry-details wpex-clr\"><h2 class=\"portfolio-entry-title entry-title\"><a href=\"https:\/\/www.garciafaura.com\/es\/portfolio-item\/promocion-sant-roc\/\" title=\"Promoci\u00f3n Sant Roc\">Promoci\u00f3n Sant Roc<\/a><\/h2><div class=\"portfolio-entry-categories entry-categories wpex-clr\"><a href=\"https:\/\/www.garciafaura.com\/es\/portfolio-category\/conjuntos-residenciales\/\" class=\"term-46\">Conjuntos residenciales<\/a><\/div><\/div><\/div><\/div><div class=\"portfolio-entry vcex-grid-item entry-has-details span_1_of_3 col col-2 vcex-isotope-entry vcex-no-margin-entry post-17876 entry type-portfolio has-media cat-46 translation_priority-6\"><div class=\"portfolio-entry-inner entry-inner wpex-clr\"><div class=\"portfolio-entry-media entry-media wpex-clr\"><a href=\"https:\/\/www.garciafaura.com\/wp-content\/uploads\/2018\/10\/Promocio\u0301-Constitucio\u0301-Viladecans-01.jpg\" title=\"Promoci\u00f3n Constituci\u00f3\" class=\"portfolio-entry-media-link wpex-lightbox-gallery\" data-gallery=\"[{&quot;src&quot;:&quot;https:\\\/\\\/www.garciafaura.com\\\/wp-content\\\/uploads\\\/2018\\\/10\\\/Promocio\\u0301-Constitucio\\u0301-Viladecans-01.jpg&quot;,&quot;title&quot;:&quot;Cerramientos de aluminio y vidrio en promoci\\u00f3n de viviendas en Viladecans&quot;},{&quot;src&quot;:&quot;https:\\\/\\\/www.garciafaura.com\\\/wp-content\\\/uploads\\\/2018\\\/10\\\/Promocio\\u0301-Constitucio\\u0301-Viladecans-07.jpg&quot;,&quot;title&quot;:&quot;Cerramientos de aluminio y vidrio en promoci\\u00f3n de viviendas en Viladecans&quot;},{&quot;src&quot;:&quot;https:\\\/\\\/www.garciafaura.com\\\/wp-content\\\/uploads\\\/2018\\\/10\\\/Promocio\\u0301-Constitucio\\u0301-Viladecans-06.jpg&quot;,&quot;title&quot;:&quot;Cerramientos de aluminio y vidrio en promoci\\u00f3n de viviendas en Viladecans&quot;},{&quot;src&quot;:&quot;https:\\\/\\\/www.garciafaura.com\\\/wp-content\\\/uploads\\\/2018\\\/10\\\/Promocio\\u0301-Constitucio\\u0301-Viladecans-05.jpg&quot;,&quot;title&quot;:&quot;Cerramientos de aluminio y vidrio en promoci\\u00f3n de viviendas en Viladecans&quot;},{&quot;src&quot;:&quot;https:\\\/\\\/www.garciafaura.com\\\/wp-content\\\/uploads\\\/2018\\\/10\\\/Promocio\\u0301-Constitucio\\u0301-Viladecans-04.jpg&quot;,&quot;title&quot;:&quot;Cerramientos de aluminio y vidrio en promoci\\u00f3n de viviendas en Viladecans&quot;},{&quot;src&quot;:&quot;https:\\\/\\\/www.garciafaura.com\\\/wp-content\\\/uploads\\\/2018\\\/10\\\/Promocio\\u0301-Constitucio\\u0301-Viladecans-03.jpg&quot;,&quot;title&quot;:&quot;Cerramientos de aluminio y vidrio en promoci\\u00f3n de viviendas en Viladecans&quot;},{&quot;src&quot;:&quot;https:\\\/\\\/www.garciafaura.com\\\/wp-content\\\/uploads\\\/2018\\\/10\\\/Promocio\\u0301-Constitucio\\u0301-Viladecans-02.jpg&quot;,&quot;title&quot;:&quot;Cerramientos de aluminio y vidrio en promoci\\u00f3n de viviendas en Viladecans&quot;}]\"><img loading=\"lazy\" decoding=\"async\" data-no-lazy=\"1\" class=\"portfolio-entry-img skip-lazy\" src=\"https:\/\/www.garciafaura.com\/wp-content\/uploads\/2018\/10\/Promocio\u0301-Constitucio\u0301-Viladecans-01-600x314.jpg\" alt=\"Cerramientos De Aluminio Y Vidrio En Promoci\u00f3n De Viviendas En Viladecans\" data-no-retina width=\"600\" height=\"314\" \/><\/a><\/div><div class=\"portfolio-entry-details entry-details wpex-clr\"><h2 class=\"portfolio-entry-title entry-title\"><a href=\"https:\/\/www.garciafaura.com\/es\/portfolio-item\/promocion-constitucio\/\" title=\"Promoci\u00f3n Constituci\u00f3\">Promoci\u00f3n Constituci\u00f3<\/a><\/h2><div class=\"portfolio-entry-categories entry-categories wpex-clr\"><a href=\"https:\/\/www.garciafaura.com\/es\/portfolio-category\/conjuntos-residenciales\/\" class=\"term-46\">Conjuntos residenciales<\/a><\/div><\/div><\/div><\/div><div class=\"portfolio-entry vcex-grid-item entry-has-details span_1_of_3 col col-3 vcex-isotope-entry vcex-no-margin-entry post-17852 entry type-portfolio has-media cat-46 translation_priority-6\"><div class=\"portfolio-entry-inner entry-inner wpex-clr\"><div class=\"portfolio-entry-media entry-media wpex-clr\"><a href=\"https:\/\/www.garciafaura.com\/wp-content\/uploads\/2018\/10\/Promocio\u0301-Residencial-Moli\u0301-Nou-St-Boi-01.jpg\" title=\"Residencial Mol\u00ed Nou\" class=\"portfolio-entry-media-link wpex-lightbox-gallery\" data-gallery=\"[{&quot;src&quot;:&quot;https:\\\/\\\/www.garciafaura.com\\\/wp-content\\\/uploads\\\/2018\\\/10\\\/Promocio\\u0301-Residencial-Moli\\u0301-Nou-St-Boi-01.jpg&quot;,&quot;title&quot;:&quot;Promoci\\u00f3n de viviendas en Sant Boi de Llobregat&quot;},{&quot;src&quot;:&quot;https:\\\/\\\/www.garciafaura.com\\\/wp-content\\\/uploads\\\/2018\\\/10\\\/Promocio\\u0301-Residencial-Moli\\u0301-Nou-St-Boi-18.jpg&quot;,&quot;title&quot;:&quot;Promoci\\u00f3n de viviendas en Sant Boi de Llobregat&quot;},{&quot;src&quot;:&quot;https:\\\/\\\/www.garciafaura.com\\\/wp-content\\\/uploads\\\/2018\\\/10\\\/Promocio\\u0301-Residencial-Moli\\u0301-Nou-St-Boi-19.jpg&quot;,&quot;title&quot;:&quot;Promoci\\u00f3n de viviendas en Sant Boi de Llobregat&quot;},{&quot;src&quot;:&quot;https:\\\/\\\/www.garciafaura.com\\\/wp-content\\\/uploads\\\/2018\\\/10\\\/Promocio\\u0301-Residencial-Moli\\u0301-Nou-St-Boi-17.jpg&quot;,&quot;title&quot;:&quot;Promoci\\u00f3n de viviendas en Sant Boi de Llobregat&quot;},{&quot;src&quot;:&quot;https:\\\/\\\/www.garciafaura.com\\\/wp-content\\\/uploads\\\/2018\\\/10\\\/Promocio\\u0301-Residencial-Moli\\u0301-Nou-St-Boi-16.jpg&quot;,&quot;title&quot;:&quot;Promoci\\u00f3n de viviendas en Sant Boi de Llobregat&quot;},{&quot;src&quot;:&quot;https:\\\/\\\/www.garciafaura.com\\\/wp-content\\\/uploads\\\/2018\\\/10\\\/Promocio\\u0301-Residencial-Moli\\u0301-Nou-St-Boi-15.jpg&quot;,&quot;title&quot;:&quot;Promoci\\u00f3n de viviendas en Sant Boi de Llobregat&quot;},{&quot;src&quot;:&quot;https:\\\/\\\/www.garciafaura.com\\\/wp-content\\\/uploads\\\/2018\\\/10\\\/Promocio\\u0301-Residencial-Moli\\u0301-Nou-St-Boi-14.jpg&quot;,&quot;title&quot;:&quot;Promoci\\u00f3n de viviendas en Sant Boi de Llobregat&quot;},{&quot;src&quot;:&quot;https:\\\/\\\/www.garciafaura.com\\\/wp-content\\\/uploads\\\/2018\\\/10\\\/Promocio\\u0301-Residencial-Moli\\u0301-Nou-St-Boi-13.jpg&quot;,&quot;title&quot;:&quot;Promoci\\u00f3n de viviendas en Sant Boi de Llobregat&quot;},{&quot;src&quot;:&quot;https:\\\/\\\/www.garciafaura.com\\\/wp-content\\\/uploads\\\/2018\\\/10\\\/Promocio\\u0301-Residencial-Moli\\u0301-Nou-St-Boi-12.jpg&quot;,&quot;title&quot;:&quot;Promoci\\u00f3n de viviendas en Sant Boi de Llobregat&quot;},{&quot;src&quot;:&quot;https:\\\/\\\/www.garciafaura.com\\\/wp-content\\\/uploads\\\/2018\\\/10\\\/Promocio\\u0301-Residencial-Moli\\u0301-Nou-St-Boi-11.jpg&quot;,&quot;title&quot;:&quot;Promoci\\u00f3n de viviendas en Sant Boi de Llobregat&quot;},{&quot;src&quot;:&quot;https:\\\/\\\/www.garciafaura.com\\\/wp-content\\\/uploads\\\/2018\\\/10\\\/Promocio\\u0301-Residencial-Moli\\u0301-Nou-St-Boi-10.jpg&quot;,&quot;title&quot;:&quot;Promoci\\u00f3n de viviendas en Sant Boi de Llobregat&quot;},{&quot;src&quot;:&quot;https:\\\/\\\/www.garciafaura.com\\\/wp-content\\\/uploads\\\/2018\\\/10\\\/Promocio\\u0301-Residencial-Moli\\u0301-Nou-St-Boi-09.jpg&quot;,&quot;title&quot;:&quot;Promoci\\u00f3n de viviendas en Sant Boi de Llobregat&quot;},{&quot;src&quot;:&quot;https:\\\/\\\/www.garciafaura.com\\\/wp-content\\\/uploads\\\/2018\\\/10\\\/Promocio\\u0301-Residencial-Moli\\u0301-Nou-St-Boi-08.jpg&quot;,&quot;title&quot;:&quot;Promoci\\u00f3n de viviendas en Sant Boi de Llobregat&quot;},{&quot;src&quot;:&quot;https:\\\/\\\/www.garciafaura.com\\\/wp-content\\\/uploads\\\/2018\\\/10\\\/Promocio\\u0301-Residencial-Moli\\u0301-Nou-St-Boi-07.jpg&quot;,&quot;title&quot;:&quot;Promoci\\u00f3n de viviendas en Sant Boi de Llobregat&quot;},{&quot;src&quot;:&quot;https:\\\/\\\/www.garciafaura.com\\\/wp-content\\\/uploads\\\/2018\\\/10\\\/Promocio\\u0301-Residencial-Moli\\u0301-Nou-St-Boi-06.jpg&quot;,&quot;title&quot;:&quot;Promoci\\u00f3n de viviendas en Sant Boi de Llobregat&quot;},{&quot;src&quot;:&quot;https:\\\/\\\/www.garciafaura.com\\\/wp-content\\\/uploads\\\/2018\\\/10\\\/Promocio\\u0301-Residencial-Moli\\u0301-Nou-St-Boi-05.jpg&quot;,&quot;title&quot;:&quot;Promoci\\u00f3n de viviendas en Sant Boi de Llobregat&quot;},{&quot;src&quot;:&quot;https:\\\/\\\/www.garciafaura.com\\\/wp-content\\\/uploads\\\/2018\\\/10\\\/Promocio\\u0301-Residencial-Moli\\u0301-Nou-St-Boi-04.jpg&quot;,&quot;title&quot;:&quot;Promoci\\u00f3n de viviendas en Sant Boi de Llobregat&quot;},{&quot;src&quot;:&quot;https:\\\/\\\/www.garciafaura.com\\\/wp-content\\\/uploads\\\/2018\\\/10\\\/Promocio\\u0301-Residencial-Moli\\u0301-Nou-St-Boi-03.jpg&quot;,&quot;title&quot;:&quot;Promoci\\u00f3n de viviendas en Sant Boi de Llobregat&quot;},{&quot;src&quot;:&quot;https:\\\/\\\/www.garciafaura.com\\\/wp-content\\\/uploads\\\/2018\\\/10\\\/Promocio\\u0301-Residencial-Moli\\u0301-Nou-St-Boi-02.jpg&quot;,&quot;title&quot;:&quot;Promoci\\u00f3n de viviendas en Sant Boi de Llobregat&quot;}]\"><img loading=\"lazy\" decoding=\"async\" data-no-lazy=\"1\" class=\"portfolio-entry-img skip-lazy\" src=\"https:\/\/www.garciafaura.com\/wp-content\/uploads\/2018\/10\/Promocio\u0301-Residencial-Moli\u0301-Nou-St-Boi-01-600x314.jpg\" alt=\"Promoci\u00f3n De Viviendas En Sant Boi De Llobregat\" data-no-retina width=\"600\" height=\"314\" \/><\/a><\/div><div class=\"portfolio-entry-details entry-details wpex-clr\"><h2 class=\"portfolio-entry-title entry-title\"><a href=\"https:\/\/www.garciafaura.com\/es\/portfolio-item\/residencial-moli-nou\/\" title=\"Residencial Mol\u00ed Nou\">Residencial Mol\u00ed Nou<\/a><\/h2><div class=\"portfolio-entry-categories entry-categories wpex-clr\"><a href=\"https:\/\/www.garciafaura.com\/es\/portfolio-category\/conjuntos-residenciales\/\" class=\"term-46\">Conjuntos residenciales<\/a><\/div><\/div><\/div><\/div><div class=\"portfolio-entry vcex-grid-item entry-has-details span_1_of_3 col col-1 vcex-isotope-entry vcex-no-margin-entry post-17846 entry type-portfolio has-media cat-46 translation_priority-6\"><div class=\"portfolio-entry-inner entry-inner wpex-clr\"><div class=\"portfolio-entry-media entry-media wpex-clr\"><a href=\"https:\/\/www.garciafaura.com\/wp-content\/uploads\/2018\/10\/Residencial-Les-Masies-Sant-Joan-Despi\u0301-01.jpg\" title=\"Residencial Les Masies\" class=\"portfolio-entry-media-link wpex-lightbox-gallery\" data-gallery=\"[{&quot;src&quot;:&quot;https:\\\/\\\/www.garciafaura.com\\\/wp-content\\\/uploads\\\/2018\\\/10\\\/Residencial-Les-Masies-Sant-Joan-Despi\\u0301-01.jpg&quot;,&quot;title&quot;:&quot;Cerramientos para 103 viviendas en Sant Joan Desp\\u00ed&quot;},{&quot;src&quot;:&quot;https:\\\/\\\/www.garciafaura.com\\\/wp-content\\\/uploads\\\/2018\\\/10\\\/Residencial-Les-Masies-Sant-Joan-Despi\\u0301-17.jpg&quot;,&quot;title&quot;:&quot;Cerramientos para 103 viviendas en Sant Joan Desp\\u00ed&quot;},{&quot;src&quot;:&quot;https:\\\/\\\/www.garciafaura.com\\\/wp-content\\\/uploads\\\/2018\\\/10\\\/Residencial-Les-Masies-Sant-Joan-Despi\\u0301-16.jpg&quot;,&quot;title&quot;:&quot;Cerramientos para 103 viviendas en Sant Joan Desp\\u00ed&quot;},{&quot;src&quot;:&quot;https:\\\/\\\/www.garciafaura.com\\\/wp-content\\\/uploads\\\/2018\\\/10\\\/Residencial-Les-Masies-Sant-Joan-Despi\\u0301-15.jpg&quot;,&quot;title&quot;:&quot;Cerramientos para 103 viviendas en Sant Joan Desp\\u00ed&quot;},{&quot;src&quot;:&quot;https:\\\/\\\/www.garciafaura.com\\\/wp-content\\\/uploads\\\/2018\\\/10\\\/Residencial-Les-Masies-Sant-Joan-Despi\\u0301-14.jpg&quot;,&quot;title&quot;:&quot;Cerramientos para 103 viviendas en Sant Joan Desp\\u00ed&quot;},{&quot;src&quot;:&quot;https:\\\/\\\/www.garciafaura.com\\\/wp-content\\\/uploads\\\/2018\\\/10\\\/Residencial-Les-Masies-Sant-Joan-Despi\\u0301-13.jpg&quot;,&quot;title&quot;:&quot;Cerramientos para 103 viviendas en Sant Joan Desp\\u00ed&quot;},{&quot;src&quot;:&quot;https:\\\/\\\/www.garciafaura.com\\\/wp-content\\\/uploads\\\/2018\\\/10\\\/Residencial-Les-Masies-Sant-Joan-Despi\\u0301-12.jpg&quot;,&quot;title&quot;:&quot;Cerramientos para 103 viviendas en Sant Joan Desp\\u00ed&quot;},{&quot;src&quot;:&quot;https:\\\/\\\/www.garciafaura.com\\\/wp-content\\\/uploads\\\/2018\\\/10\\\/Residencial-Les-Masies-Sant-Joan-Despi\\u0301-11.jpg&quot;,&quot;title&quot;:&quot;Cerramientos para 103 viviendas en Sant Joan Desp\\u00ed&quot;},{&quot;src&quot;:&quot;https:\\\/\\\/www.garciafaura.com\\\/wp-content\\\/uploads\\\/2018\\\/10\\\/Residencial-Les-Masies-Sant-Joan-Despi\\u0301-10.jpg&quot;,&quot;title&quot;:&quot;Cerramientos para 103 viviendas en Sant Joan Desp\\u00ed&quot;},{&quot;src&quot;:&quot;https:\\\/\\\/www.garciafaura.com\\\/wp-content\\\/uploads\\\/2018\\\/10\\\/Residencial-Les-Masies-Sant-Joan-Despi\\u0301-09.jpg&quot;,&quot;title&quot;:&quot;Cerramientos para 103 viviendas en Sant Joan Desp\\u00ed&quot;},{&quot;src&quot;:&quot;https:\\\/\\\/www.garciafaura.com\\\/wp-content\\\/uploads\\\/2018\\\/10\\\/Residencial-Les-Masies-Sant-Joan-Despi\\u0301-08.jpg&quot;,&quot;title&quot;:&quot;Cerramientos para 103 viviendas en Sant Joan Desp\\u00ed&quot;},{&quot;src&quot;:&quot;https:\\\/\\\/www.garciafaura.com\\\/wp-content\\\/uploads\\\/2018\\\/10\\\/Residencial-Les-Masies-Sant-Joan-Despi\\u0301-07.jpg&quot;,&quot;title&quot;:&quot;Cerramientos para 103 viviendas en Sant Joan Desp\\u00ed&quot;},{&quot;src&quot;:&quot;https:\\\/\\\/www.garciafaura.com\\\/wp-content\\\/uploads\\\/2018\\\/10\\\/Residencial-Les-Masies-Sant-Joan-Despi\\u0301-06.jpg&quot;,&quot;title&quot;:&quot;Cerramientos para 103 viviendas en Sant Joan Desp\\u00ed&quot;},{&quot;src&quot;:&quot;https:\\\/\\\/www.garciafaura.com\\\/wp-content\\\/uploads\\\/2018\\\/10\\\/Residencial-Les-Masies-Sant-Joan-Despi\\u0301-05.jpg&quot;,&quot;title&quot;:&quot;Cerramientos para 103 viviendas en Sant Joan Desp\\u00ed&quot;},{&quot;src&quot;:&quot;https:\\\/\\\/www.garciafaura.com\\\/wp-content\\\/uploads\\\/2018\\\/10\\\/Residencial-Les-Masies-Sant-Joan-Despi\\u0301-04.jpg&quot;,&quot;title&quot;:&quot;Cerramientos para 103 viviendas en Sant Joan Desp\\u00ed&quot;},{&quot;src&quot;:&quot;https:\\\/\\\/www.garciafaura.com\\\/wp-content\\\/uploads\\\/2018\\\/10\\\/Residencial-Les-Masies-Sant-Joan-Despi\\u0301-03.jpg&quot;,&quot;title&quot;:&quot;Cerramientos para 103 viviendas en Sant Joan Desp\\u00ed&quot;},{&quot;src&quot;:&quot;https:\\\/\\\/www.garciafaura.com\\\/wp-content\\\/uploads\\\/2018\\\/10\\\/Residencial-Les-Masies-Sant-Joan-Despi\\u0301-02.jpg&quot;,&quot;title&quot;:&quot;Cerramientos para 103 viviendas en Sant Joan Desp\\u00ed&quot;}]\"><img loading=\"lazy\" decoding=\"async\" data-no-lazy=\"1\" class=\"portfolio-entry-img skip-lazy\" src=\"https:\/\/www.garciafaura.com\/wp-content\/uploads\/2018\/10\/Residencial-Les-Masies-Sant-Joan-Despi\u0301-01-600x314.jpg\" alt=\"Cerramientos Para 103 Viviendas En Sant Joan Desp\u00ed\" data-no-retina width=\"600\" height=\"314\" \/><\/a><\/div><div class=\"portfolio-entry-details entry-details wpex-clr\"><h2 class=\"portfolio-entry-title entry-title\"><a href=\"https:\/\/www.garciafaura.com\/es\/portfolio-item\/residencial-les-masies\/\" title=\"Residencial Les Masies\">Residencial Les Masies<\/a><\/h2><div class=\"portfolio-entry-categories entry-categories wpex-clr\"><a href=\"https:\/\/www.garciafaura.com\/es\/portfolio-category\/conjuntos-residenciales\/\" class=\"term-46\">Conjuntos residenciales<\/a><\/div><\/div><\/div><\/div><div class=\"portfolio-entry vcex-grid-item entry-has-details span_1_of_3 col col-2 vcex-isotope-entry vcex-no-margin-entry post-17842 entry type-portfolio has-media cat-46 translation_priority-6\"><div class=\"portfolio-entry-inner entry-inner wpex-clr\"><div class=\"portfolio-entry-media entry-media wpex-clr\"><a href=\"https:\/\/www.garciafaura.com\/wp-content\/uploads\/2018\/10\/Promocio\u0301-La-Sagrera-06.jpg\" title=\"Promoci\u00f3n La Sagrera\" class=\"portfolio-entry-media-link wpex-lightbox-gallery\" data-gallery=\"[{&quot;src&quot;:&quot;https:\\\/\\\/www.garciafaura.com\\\/wp-content\\\/uploads\\\/2018\\\/10\\\/Promocio\\u0301-La-Sagrera-01.jpg&quot;,&quot;title&quot;:&quot;Cerramientos de aluminio y vidrio para 82 viviendas en Barcelona.&quot;},{&quot;src&quot;:&quot;https:\\\/\\\/www.garciafaura.com\\\/wp-content\\\/uploads\\\/2018\\\/10\\\/Promocio\\u0301-La-Sagrera-06.jpg&quot;,&quot;title&quot;:&quot;Cerramientos de aluminio y vidrio para 82 viviendas en Barcelona.&quot;},{&quot;src&quot;:&quot;https:\\\/\\\/www.garciafaura.com\\\/wp-content\\\/uploads\\\/2018\\\/10\\\/Promocio\\u0301-La-Sagrera-05.jpg&quot;,&quot;title&quot;:&quot;Cerramientos de aluminio y vidrio para 82 viviendas en Barcelona.&quot;},{&quot;src&quot;:&quot;https:\\\/\\\/www.garciafaura.com\\\/wp-content\\\/uploads\\\/2018\\\/10\\\/Promocio\\u0301-La-Sagrera-04.jpg&quot;,&quot;title&quot;:&quot;Cerramientos de aluminio y vidrio para 82 viviendas en Barcelona.&quot;},{&quot;src&quot;:&quot;https:\\\/\\\/www.garciafaura.com\\\/wp-content\\\/uploads\\\/2018\\\/10\\\/Promocio\\u0301-La-Sagrera-03.jpg&quot;,&quot;title&quot;:&quot;Cerramientos de aluminio y vidrio para 82 viviendas en Barcelona.&quot;},{&quot;src&quot;:&quot;https:\\\/\\\/www.garciafaura.com\\\/wp-content\\\/uploads\\\/2018\\\/10\\\/Promocio\\u0301-La-Sagrera-02.jpg&quot;,&quot;title&quot;:&quot;Cerramientos de aluminio y vidrio para 82 viviendas en Barcelona.&quot;}]\"><img loading=\"lazy\" decoding=\"async\" data-no-lazy=\"1\" class=\"portfolio-entry-img skip-lazy\" src=\"https:\/\/www.garciafaura.com\/wp-content\/uploads\/2018\/10\/Promocio\u0301-La-Sagrera-06-600x314.jpg\" alt=\"Cerramientos De Aluminio Y Vidrio Para 82 Viviendas En Barcelona.\" data-no-retina width=\"600\" height=\"314\" \/><\/a><\/div><div class=\"portfolio-entry-details entry-details wpex-clr\"><h2 class=\"portfolio-entry-title entry-title\"><a href=\"https:\/\/www.garciafaura.com\/es\/portfolio-item\/promocion-la-sagrera\/\" title=\"Promoci\u00f3n La Sagrera\">Promoci\u00f3n La Sagrera<\/a><\/h2><div class=\"portfolio-entry-categories entry-categories wpex-clr\"><a href=\"https:\/\/www.garciafaura.com\/es\/portfolio-category\/conjuntos-residenciales\/\" class=\"term-46\">Conjuntos residenciales<\/a><\/div><\/div><\/div><\/div><div class=\"portfolio-entry vcex-grid-item entry-has-details span_1_of_3 col col-3 vcex-isotope-entry vcex-no-margin-entry post-17835 entry type-portfolio has-media cat-46 translation_priority-6\"><div class=\"portfolio-entry-inner entry-inner wpex-clr\"><div class=\"portfolio-entry-media entry-media wpex-clr\"><a href=\"https:\/\/www.garciafaura.com\/wp-content\/uploads\/2018\/10\/Promocio-Vico-Freixa-07.jpg\" title=\"Promoci\u00f3n Vico Freixa\" class=\"portfolio-entry-media-link wpex-lightbox-gallery\" data-gallery=\"[{&quot;src&quot;:&quot;https:\\\/\\\/www.garciafaura.com\\\/wp-content\\\/uploads\\\/2018\\\/10\\\/Promocio-Vico-Freixa-01.jpg&quot;,&quot;title&quot;:&quot;Cerramientos y protecciones solares en promoci\\u00f3n residencial.&quot;},{&quot;src&quot;:&quot;https:\\\/\\\/www.garciafaura.com\\\/wp-content\\\/uploads\\\/2018\\\/10\\\/Promocio-Vico-Freixa-07.jpg&quot;,&quot;title&quot;:&quot;Cerramientos y protecciones solares en promoci\\u00f3n residencial.&quot;},{&quot;src&quot;:&quot;https:\\\/\\\/www.garciafaura.com\\\/wp-content\\\/uploads\\\/2018\\\/10\\\/Promocio-Vico-Freixa-06.jpg&quot;,&quot;title&quot;:&quot;Cerramientos y protecciones solares en promoci\\u00f3n residencial.&quot;},{&quot;src&quot;:&quot;https:\\\/\\\/www.garciafaura.com\\\/wp-content\\\/uploads\\\/2018\\\/10\\\/Promocio-Vico-Freixa-05.jpg&quot;,&quot;title&quot;:&quot;Cerramientos y protecciones solares en promoci\\u00f3n residencial.&quot;},{&quot;src&quot;:&quot;https:\\\/\\\/www.garciafaura.com\\\/wp-content\\\/uploads\\\/2018\\\/10\\\/Promocio-Vico-Freixa-04.jpg&quot;,&quot;title&quot;:&quot;Cerramientos y protecciones solares en promoci\\u00f3n residencial.&quot;},{&quot;src&quot;:&quot;https:\\\/\\\/www.garciafaura.com\\\/wp-content\\\/uploads\\\/2018\\\/10\\\/Promocio-Vico-Freixa-03.jpg&quot;,&quot;title&quot;:&quot;Cerramientos y protecciones solares en promoci\\u00f3n residencial.&quot;},{&quot;src&quot;:&quot;https:\\\/\\\/www.garciafaura.com\\\/wp-content\\\/uploads\\\/2018\\\/10\\\/Promocio-Vico-Freixa-02.jpg&quot;,&quot;title&quot;:&quot;Cerramientos y protecciones solares en promoci\\u00f3n residencial.&quot;}]\"><img loading=\"lazy\" decoding=\"async\" data-no-lazy=\"1\" class=\"portfolio-entry-img skip-lazy\" src=\"https:\/\/www.garciafaura.com\/wp-content\/uploads\/2018\/10\/Promocio-Vico-Freixa-07-600x314.jpg\" alt=\"Cerramientos Y Protecciones Solares En Promoci\u00f3n Residencial.\" data-no-retina width=\"600\" height=\"314\" \/><\/a><\/div><div class=\"portfolio-entry-details entry-details wpex-clr\"><h2 class=\"portfolio-entry-title entry-title\"><a href=\"https:\/\/www.garciafaura.com\/es\/portfolio-item\/promocion-vico-freixa\/\" title=\"Promoci\u00f3n Vico Freixa\">Promoci\u00f3n Vico Freixa<\/a><\/h2><div class=\"portfolio-entry-categories entry-categories wpex-clr\"><a href=\"https:\/\/www.garciafaura.com\/es\/portfolio-category\/conjuntos-residenciales\/\" class=\"term-46\">Conjuntos residenciales<\/a><\/div><\/div><\/div><\/div><div class=\"portfolio-entry vcex-grid-item entry-has-details span_1_of_3 col col-1 vcex-isotope-entry vcex-no-margin-entry post-17832 entry type-portfolio has-media cat-46 translation_priority-6\"><div class=\"portfolio-entry-inner entry-inner wpex-clr\"><div class=\"portfolio-entry-media entry-media wpex-clr\"><a href=\"https:\/\/www.garciafaura.com\/wp-content\/uploads\/2018\/10\/Promocio-Sant-Cugat-05.jpg\" title=\"Promoci\u00f3n Sant Cugat\" class=\"portfolio-entry-media-link wpex-lightbox-gallery\" data-gallery=\"[{&quot;src&quot;:&quot;https:\\\/\\\/www.garciafaura.com\\\/wp-content\\\/uploads\\\/2018\\\/10\\\/Promocio-Sant-Cugat-01.jpg&quot;,&quot;title&quot;:&quot;Cerramientos en promoci\\u00f3n de vivienda en Sant Cugat del Vall\\u00e8s.&quot;},{&quot;src&quot;:&quot;https:\\\/\\\/www.garciafaura.com\\\/wp-content\\\/uploads\\\/2018\\\/10\\\/Promocio-Sant-Cugat-07.jpg&quot;,&quot;title&quot;:&quot;Cerramientos en promoci\\u00f3n de vivienda en Sant Cugat del Vall\\u00e8s.&quot;},{&quot;src&quot;:&quot;https:\\\/\\\/www.garciafaura.com\\\/wp-content\\\/uploads\\\/2018\\\/10\\\/Promocio-Sant-Cugat-06.jpg&quot;,&quot;title&quot;:&quot;Cerramientos en promoci\\u00f3n de vivienda en Sant Cugat del Vall\\u00e8s.&quot;},{&quot;src&quot;:&quot;https:\\\/\\\/www.garciafaura.com\\\/wp-content\\\/uploads\\\/2018\\\/10\\\/Promocio-Sant-Cugat-05.jpg&quot;,&quot;title&quot;:&quot;Cerramientos en promoci\\u00f3n de vivienda en Sant Cugat del Vall\\u00e8s.&quot;},{&quot;src&quot;:&quot;https:\\\/\\\/www.garciafaura.com\\\/wp-content\\\/uploads\\\/2018\\\/10\\\/Promocio-Sant-Cugat-04.jpg&quot;,&quot;title&quot;:&quot;Cerramientos en promoci\\u00f3n de vivienda en Sant Cugat del Vall\\u00e8s.&quot;},{&quot;src&quot;:&quot;https:\\\/\\\/www.garciafaura.com\\\/wp-content\\\/uploads\\\/2018\\\/10\\\/Promocio-Sant-Cugat-03.jpg&quot;,&quot;title&quot;:&quot;Cerramientos en promoci\\u00f3n de vivienda en Sant Cugat del Vall\\u00e8s.&quot;},{&quot;src&quot;:&quot;https:\\\/\\\/www.garciafaura.com\\\/wp-content\\\/uploads\\\/2018\\\/10\\\/Promocio-Sant-Cugat-02.jpg&quot;,&quot;title&quot;:&quot;Cerramientos en promoci\\u00f3n de vivienda en Sant Cugat del Vall\\u00e8s.&quot;}]\"><img loading=\"lazy\" decoding=\"async\" data-no-lazy=\"1\" class=\"portfolio-entry-img skip-lazy\" src=\"https:\/\/www.garciafaura.com\/wp-content\/uploads\/2018\/10\/Promocio-Sant-Cugat-05-600x314.jpg\" alt=\"Cerramientos En Promoci\u00f3n De Vivienda En Sant Cugat Del Vall\u00e8s.\" data-no-retina width=\"600\" height=\"314\" \/><\/a><\/div><div class=\"portfolio-entry-details entry-details wpex-clr\"><h2 class=\"portfolio-entry-title entry-title\"><a href=\"https:\/\/www.garciafaura.com\/es\/portfolio-item\/promocion-sant-cugat\/\" title=\"Promoci\u00f3n Sant Cugat\">Promoci\u00f3n Sant Cugat<\/a><\/h2><div class=\"portfolio-entry-categories entry-categories wpex-clr\"><a href=\"https:\/\/www.garciafaura.com\/es\/portfolio-category\/conjuntos-residenciales\/\" class=\"term-46\">Conjuntos residenciales<\/a><\/div><\/div><\/div><\/div><div class=\"portfolio-entry vcex-grid-item entry-has-details span_1_of_3 col col-2 vcex-isotope-entry vcex-no-margin-entry post-17829 entry type-portfolio has-media cat-46 translation_priority-6\"><div class=\"portfolio-entry-inner entry-inner wpex-clr\"><div class=\"portfolio-entry-media entry-media wpex-clr\"><a href=\"https:\/\/www.garciafaura.com\/wp-content\/uploads\/2018\/10\/Promocio-Doctor-Iban\u0303ez-01.jpg\" title=\"Promoci\u00f3n Doctor Ib\u00e1\u00f1ez\" class=\"portfolio-entry-media-link wpex-lightbox-gallery\" data-gallery=\"[{&quot;src&quot;:&quot;https:\\\/\\\/www.garciafaura.com\\\/wp-content\\\/uploads\\\/2018\\\/10\\\/Promocio-Doctor-Iban\\u0303ez-01.jpg&quot;,&quot;title&quot;:&quot;Cerramientos en promoci\\u00f3n residencial en Barcelona.&quot;},{&quot;src&quot;:&quot;https:\\\/\\\/www.garciafaura.com\\\/wp-content\\\/uploads\\\/2018\\\/10\\\/Promocio-Doctor-Iban\\u0303ez-07-1.jpg&quot;},{&quot;src&quot;:&quot;https:\\\/\\\/www.garciafaura.com\\\/wp-content\\\/uploads\\\/2018\\\/10\\\/Promocio-Doctor-Iban\\u0303ez-06-1.jpg&quot;},{&quot;src&quot;:&quot;https:\\\/\\\/www.garciafaura.com\\\/wp-content\\\/uploads\\\/2018\\\/10\\\/Promocio-Doctor-Iban\\u0303ez-05-1.jpg&quot;},{&quot;src&quot;:&quot;https:\\\/\\\/www.garciafaura.com\\\/wp-content\\\/uploads\\\/2018\\\/10\\\/Promocio-Doctor-Iban\\u0303ez-04-1.jpg&quot;},{&quot;src&quot;:&quot;https:\\\/\\\/www.garciafaura.com\\\/wp-content\\\/uploads\\\/2018\\\/10\\\/Promocio-Doctor-Iban\\u0303ez-03-1.jpg&quot;},{&quot;src&quot;:&quot;https:\\\/\\\/www.garciafaura.com\\\/wp-content\\\/uploads\\\/2018\\\/10\\\/Promocio-Doctor-Iban\\u0303ez-02-1.jpg&quot;},{&quot;src&quot;:&quot;https:\\\/\\\/www.garciafaura.com\\\/wp-content\\\/uploads\\\/2018\\\/10\\\/Promocio-Doctor-Iban\\u0303ez-01-1.jpg&quot;},{&quot;src&quot;:&quot;https:\\\/\\\/www.garciafaura.com\\\/wp-content\\\/uploads\\\/2018\\\/10\\\/Promocio-Doctor-Iban\\u0303ez-07.jpg&quot;,&quot;title&quot;:&quot;Cerramientos en promoci\\u00f3n residencial en Barcelona.&quot;},{&quot;src&quot;:&quot;https:\\\/\\\/www.garciafaura.com\\\/wp-content\\\/uploads\\\/2018\\\/10\\\/Promocio-Doctor-Iban\\u0303ez-06.jpg&quot;,&quot;title&quot;:&quot;Cerramientos en promoci\\u00f3n residencial en Barcelona.&quot;},{&quot;src&quot;:&quot;https:\\\/\\\/www.garciafaura.com\\\/wp-content\\\/uploads\\\/2018\\\/10\\\/Promocio-Doctor-Iban\\u0303ez-05.jpg&quot;,&quot;title&quot;:&quot;Cerramientos en promoci\\u00f3n residencial en Barcelona.&quot;},{&quot;src&quot;:&quot;https:\\\/\\\/www.garciafaura.com\\\/wp-content\\\/uploads\\\/2018\\\/10\\\/Promocio-Doctor-Iban\\u0303ez-04.jpg&quot;,&quot;title&quot;:&quot;Cerramientos en promoci\\u00f3n residencial en Barcelona.&quot;},{&quot;src&quot;:&quot;https:\\\/\\\/www.garciafaura.com\\\/wp-content\\\/uploads\\\/2018\\\/10\\\/Promocio-Doctor-Iban\\u0303ez-03.jpg&quot;,&quot;title&quot;:&quot;Cerramientos en promoci\\u00f3n residencial en Barcelona.&quot;},{&quot;src&quot;:&quot;https:\\\/\\\/www.garciafaura.com\\\/wp-content\\\/uploads\\\/2018\\\/10\\\/Promocio-Doctor-Iban\\u0303ez-02.jpg&quot;,&quot;title&quot;:&quot;Cerramientos en promoci\\u00f3n residencial en Barcelona.&quot;}]\"><img loading=\"lazy\" decoding=\"async\" data-no-lazy=\"1\" class=\"portfolio-entry-img skip-lazy\" src=\"https:\/\/www.garciafaura.com\/wp-content\/uploads\/2018\/10\/Promocio-Doctor-Iban\u0303ez-01-600x314.jpg\" alt=\"Cerramientos En Promoci\u00f3n Residencial En Barcelona.\" data-no-retina width=\"600\" height=\"314\" \/><\/a><\/div><div class=\"portfolio-entry-details entry-details wpex-clr\"><h2 class=\"portfolio-entry-title entry-title\"><a href=\"https:\/\/www.garciafaura.com\/es\/portfolio-item\/promocion-doctor-ibanez\/\" title=\"Promoci\u00f3n Doctor Ib\u00e1\u00f1ez\">Promoci\u00f3n Doctor Ib\u00e1\u00f1ez<\/a><\/h2><div class=\"portfolio-entry-categories entry-categories wpex-clr\"><a href=\"https:\/\/www.garciafaura.com\/es\/portfolio-category\/conjuntos-residenciales\/\" class=\"term-46\">Conjuntos residenciales<\/a><\/div><\/div><\/div><\/div><div class=\"portfolio-entry vcex-grid-item entry-has-details span_1_of_3 col col-3 vcex-isotope-entry vcex-no-margin-entry post-17826 entry type-portfolio has-media cat-46 translation_priority-6\"><div class=\"portfolio-entry-inner entry-inner wpex-clr\"><div class=\"portfolio-entry-media entry-media wpex-clr\"><a href=\"https:\/\/www.garciafaura.com\/wp-content\/uploads\/2018\/10\/Promocio-Pare-Claret-05.jpg\" title=\"Promoci\u00f3n Pare Claret\" class=\"portfolio-entry-media-link wpex-lightbox-gallery\" data-gallery=\"[{&quot;src&quot;:&quot;https:\\\/\\\/www.garciafaura.com\\\/wp-content\\\/uploads\\\/2018\\\/10\\\/Promocio-Pare-Claret-01.jpg&quot;,&quot;title&quot;:&quot;Cerramientos para vivienda en el barrio del Eixample de Barcelona&quot;},{&quot;src&quot;:&quot;https:\\\/\\\/www.garciafaura.com\\\/wp-content\\\/uploads\\\/2018\\\/10\\\/Promocio-Pare-Claret-07.jpg&quot;,&quot;title&quot;:&quot;Cerramientos para vivienda en el barrio del Eixample de Barcelona&quot;},{&quot;src&quot;:&quot;https:\\\/\\\/www.garciafaura.com\\\/wp-content\\\/uploads\\\/2018\\\/10\\\/Promocio-Pare-Claret-06.jpg&quot;,&quot;title&quot;:&quot;Cerramientos para vivienda en el barrio del Eixample de Barcelona&quot;},{&quot;src&quot;:&quot;https:\\\/\\\/www.garciafaura.com\\\/wp-content\\\/uploads\\\/2018\\\/10\\\/Promocio-Pare-Claret-05.jpg&quot;,&quot;title&quot;:&quot;Cerramientos para vivienda en el barrio del Eixample de Barcelona&quot;},{&quot;src&quot;:&quot;https:\\\/\\\/www.garciafaura.com\\\/wp-content\\\/uploads\\\/2018\\\/10\\\/Promocio-Pare-Claret-04.jpg&quot;,&quot;title&quot;:&quot;Cerramientos para vivienda en el barrio del Eixample de Barcelona&quot;},{&quot;src&quot;:&quot;https:\\\/\\\/www.garciafaura.com\\\/wp-content\\\/uploads\\\/2018\\\/10\\\/Promocio-Pare-Claret-03.jpg&quot;,&quot;title&quot;:&quot;Cerramientos para vivienda en el barrio del Eixample de Barcelona&quot;},{&quot;src&quot;:&quot;https:\\\/\\\/www.garciafaura.com\\\/wp-content\\\/uploads\\\/2018\\\/10\\\/Promocio-Pare-Claret-02.jpg&quot;,&quot;title&quot;:&quot;Cerramientos para vivienda en el barrio del Eixample de Barcelona&quot;}]\"><img loading=\"lazy\" decoding=\"async\" data-no-lazy=\"1\" class=\"portfolio-entry-img skip-lazy\" src=\"https:\/\/www.garciafaura.com\/wp-content\/uploads\/2018\/10\/Promocio-Pare-Claret-05-600x314.jpg\" alt=\"Cerramientos Para Vivienda En El Barrio Del Eixample De Barcelona\" data-no-retina width=\"600\" height=\"314\" \/><\/a><\/div><div class=\"portfolio-entry-details entry-details wpex-clr\"><h2 class=\"portfolio-entry-title entry-title\"><a href=\"https:\/\/www.garciafaura.com\/es\/portfolio-item\/promocion-pare-claret\/\" title=\"Promoci\u00f3n Pare Claret\">Promoci\u00f3n Pare Claret<\/a><\/h2><div class=\"portfolio-entry-categories entry-categories wpex-clr\"><a href=\"https:\/\/www.garciafaura.com\/es\/portfolio-category\/conjuntos-residenciales\/\" class=\"term-46\">Conjuntos residenciales<\/a><\/div><\/div><\/div><\/div><div class=\"portfolio-entry vcex-grid-item entry-has-details span_1_of_3 col col-1 vcex-isotope-entry vcex-no-margin-entry post-17823 entry type-portfolio has-media cat-46 translation_priority-6\"><div class=\"portfolio-entry-inner entry-inner wpex-clr\"><div class=\"portfolio-entry-media entry-media wpex-clr\"><a href=\"https:\/\/www.garciafaura.com\/wp-content\/uploads\/2018\/10\/Promocio-La-Remunta-05.jpg\" title=\"Promoci\u00f3n La Remunta\" class=\"portfolio-entry-media-link wpex-lightbox-gallery\" data-gallery=\"[{&quot;src&quot;:&quot;https:\\\/\\\/www.garciafaura.com\\\/wp-content\\\/uploads\\\/2018\\\/10\\\/Promocio-Tower-La-Remunta-01.jpg&quot;,&quot;title&quot;:&quot;Cerramientos en promoci\\u00f3n residencial en L&#039;Hospitalet de Llobregat&quot;},{&quot;src&quot;:&quot;https:\\\/\\\/www.garciafaura.com\\\/wp-content\\\/uploads\\\/2018\\\/10\\\/Promocio-La-Remunta-07.jpg&quot;,&quot;title&quot;:&quot;Rehabilitaci\\u00f3n de fachada para aumentar la eficiencia energ\\u00e9tica del edificio&quot;},{&quot;src&quot;:&quot;https:\\\/\\\/www.garciafaura.com\\\/wp-content\\\/uploads\\\/2018\\\/10\\\/Promocio-La-Remunta-06.jpg&quot;,&quot;title&quot;:&quot;Rehabilitaci\\u00f3n de fachada para aumentar la eficiencia energ\\u00e9tica del edificio&quot;},{&quot;src&quot;:&quot;https:\\\/\\\/www.garciafaura.com\\\/wp-content\\\/uploads\\\/2018\\\/10\\\/Promocio-La-Remunta-05.jpg&quot;,&quot;title&quot;:&quot;Rehabilitaci\\u00f3n de fachada para aumentar la eficiencia energ\\u00e9tica del edificio&quot;},{&quot;src&quot;:&quot;https:\\\/\\\/www.garciafaura.com\\\/wp-content\\\/uploads\\\/2018\\\/10\\\/Promocio-La-Remunta-04.jpg&quot;,&quot;title&quot;:&quot;Rehabilitaci\\u00f3n de fachada para aumentar la eficiencia energ\\u00e9tica del edificio&quot;},{&quot;src&quot;:&quot;https:\\\/\\\/www.garciafaura.com\\\/wp-content\\\/uploads\\\/2018\\\/10\\\/Promocio-La-Remunta-03.jpg&quot;,&quot;title&quot;:&quot;Rehabilitaci\\u00f3n de fachada para aumentar la eficiencia energ\\u00e9tica del edificio&quot;},{&quot;src&quot;:&quot;https:\\\/\\\/www.garciafaura.com\\\/wp-content\\\/uploads\\\/2018\\\/10\\\/Promocio-La-Remunta-02.jpg&quot;,&quot;title&quot;:&quot;Rehabilitaci\\u00f3n de fachada para aumentar la eficiencia energ\\u00e9tica del edificio&quot;},{&quot;src&quot;:&quot;https:\\\/\\\/www.garciafaura.com\\\/wp-content\\\/uploads\\\/2018\\\/10\\\/Promocio-La-Remunta-01.jpg&quot;,&quot;title&quot;:&quot;Rehabilitaci\\u00f3n de fachada para aumentar la eficiencia energ\\u00e9tica del edificio&quot;},{&quot;src&quot;:&quot;https:\\\/\\\/www.garciafaura.com\\\/wp-content\\\/uploads\\\/2018\\\/10\\\/Promocio-Tower-La-Remunta-08.jpg&quot;,&quot;title&quot;:&quot;Cerramientos en promoci\\u00f3n residencial en L&#039;Hospitalet de Llobregat&quot;},{&quot;src&quot;:&quot;https:\\\/\\\/www.garciafaura.com\\\/wp-content\\\/uploads\\\/2018\\\/10\\\/Promocio-Tower-La-Remunta-07.jpg&quot;,&quot;title&quot;:&quot;Cerramientos en promoci\\u00f3n residencial en L&#039;Hospitalet de Llobregat&quot;},{&quot;src&quot;:&quot;https:\\\/\\\/www.garciafaura.com\\\/wp-content\\\/uploads\\\/2018\\\/10\\\/Promocio-Tower-La-Remunta-06.jpg&quot;,&quot;title&quot;:&quot;Cerramientos en promoci\\u00f3n residencial en L&#039;Hospitalet de Llobregat&quot;},{&quot;src&quot;:&quot;https:\\\/\\\/www.garciafaura.com\\\/wp-content\\\/uploads\\\/2018\\\/10\\\/Promocio-Tower-La-Remunta-05.jpg&quot;,&quot;title&quot;:&quot;Cerramientos en promoci\\u00f3n residencial en L&#039;Hospitalet de Llobregat&quot;},{&quot;src&quot;:&quot;https:\\\/\\\/www.garciafaura.com\\\/wp-content\\\/uploads\\\/2018\\\/10\\\/Promocio-Tower-La-Remunta-04.jpg&quot;,&quot;title&quot;:&quot;Cerramientos en promoci\\u00f3n residencial en L&#039;Hospitalet de Llobregat&quot;},{&quot;src&quot;:&quot;https:\\\/\\\/www.garciafaura.com\\\/wp-content\\\/uploads\\\/2018\\\/10\\\/Promocio-Tower-La-Remunta-03.jpg&quot;,&quot;title&quot;:&quot;Cerramientos en promoci\\u00f3n residencial en L&#039;Hospitalet de Llobregat&quot;},{&quot;src&quot;:&quot;https:\\\/\\\/www.garciafaura.com\\\/wp-content\\\/uploads\\\/2018\\\/10\\\/Promocio-Tower-La-Remunta-02.jpg&quot;,&quot;title&quot;:&quot;Cerramientos en promoci\\u00f3n residencial en L&#039;Hospitalet de Llobregat&quot;}]\"><img loading=\"lazy\" decoding=\"async\" data-no-lazy=\"1\" class=\"portfolio-entry-img skip-lazy\" src=\"https:\/\/www.garciafaura.com\/wp-content\/uploads\/2018\/10\/Promocio-La-Remunta-05-600x314.jpg\" alt=\"Rehabilitaci\u00f3n De Fachada Para Aumentar La Eficiencia Energ\u00e9tica Del Edificio\" data-no-retina width=\"600\" height=\"314\" \/><\/a><\/div><div class=\"portfolio-entry-details entry-details wpex-clr\"><h2 class=\"portfolio-entry-title entry-title\"><a href=\"https:\/\/www.garciafaura.com\/es\/portfolio-item\/promocion-la-remunta\/\" title=\"Promoci\u00f3n La Remunta\">Promoci\u00f3n La Remunta<\/a><\/h2><div class=\"portfolio-entry-categories entry-categories wpex-clr\"><a href=\"https:\/\/www.garciafaura.com\/es\/portfolio-category\/conjuntos-residenciales\/\" class=\"term-46\">Conjuntos residenciales<\/a><\/div><\/div><\/div><\/div><div class=\"portfolio-entry vcex-grid-item entry-has-details span_1_of_3 col col-2 vcex-isotope-entry vcex-no-margin-entry post-17810 entry type-portfolio has-media cat-46 translation_priority-6\"><div class=\"portfolio-entry-inner entry-inner wpex-clr\"><div class=\"portfolio-entry-media entry-media wpex-clr\"><a href=\"https:\/\/www.garciafaura.com\/wp-content\/uploads\/2018\/10\/Promocio-Esplugues-Llobregat-05.jpg\" title=\"Promoci\u00f3n Esplugues de Llobregat\" class=\"portfolio-entry-media-link wpex-lightbox-gallery\" data-gallery=\"[{&quot;src&quot;:&quot;https:\\\/\\\/www.garciafaura.com\\\/wp-content\\\/uploads\\\/2018\\\/10\\\/Promocio-Esplugues-Llobregat-01.jpg&quot;,&quot;title&quot;:&quot;Cerramientos de aluminio y vidrio en promoci\\u00f3n de viviendas&quot;},{&quot;src&quot;:&quot;https:\\\/\\\/www.garciafaura.com\\\/wp-content\\\/uploads\\\/2018\\\/10\\\/Promocio-Esplugues-Llobregat-07.jpg&quot;,&quot;title&quot;:&quot;Cerramientos de aluminio y vidrio en promoci\\u00f3n de viviendas&quot;},{&quot;src&quot;:&quot;https:\\\/\\\/www.garciafaura.com\\\/wp-content\\\/uploads\\\/2018\\\/10\\\/Promocio-Esplugues-Llobregat-06.jpg&quot;,&quot;title&quot;:&quot;Cerramientos de aluminio y vidrio en promoci\\u00f3n de viviendas&quot;},{&quot;src&quot;:&quot;https:\\\/\\\/www.garciafaura.com\\\/wp-content\\\/uploads\\\/2018\\\/10\\\/Promocio-Esplugues-Llobregat-05.jpg&quot;,&quot;title&quot;:&quot;Cerramientos de aluminio y vidrio en promoci\\u00f3n de viviendas&quot;},{&quot;src&quot;:&quot;https:\\\/\\\/www.garciafaura.com\\\/wp-content\\\/uploads\\\/2018\\\/10\\\/Promocio-Esplugues-Llobregat-04.jpg&quot;,&quot;title&quot;:&quot;Cerramientos de aluminio y vidrio en promoci\\u00f3n de viviendas&quot;},{&quot;src&quot;:&quot;https:\\\/\\\/www.garciafaura.com\\\/wp-content\\\/uploads\\\/2018\\\/10\\\/Promocio-Esplugues-Llobregat-03.jpg&quot;,&quot;title&quot;:&quot;Cerramientos de aluminio y vidrio en promoci\\u00f3n de viviendas&quot;},{&quot;src&quot;:&quot;https:\\\/\\\/www.garciafaura.com\\\/wp-content\\\/uploads\\\/2018\\\/10\\\/Promocio-Esplugues-Llobregat-02.jpg&quot;,&quot;title&quot;:&quot;Cerramientos de aluminio y vidrio en promoci\\u00f3n de viviendas&quot;}]\"><img loading=\"lazy\" decoding=\"async\" data-no-lazy=\"1\" class=\"portfolio-entry-img skip-lazy\" src=\"https:\/\/www.garciafaura.com\/wp-content\/uploads\/2018\/10\/Promocio-Esplugues-Llobregat-05-600x314.jpg\" alt=\"Cerramientos De Aluminio Y Vidrio En Promoci\u00f3n De Viviendas\" data-no-retina width=\"600\" height=\"314\" \/><\/a><\/div><div class=\"portfolio-entry-details entry-details wpex-clr\"><h2 class=\"portfolio-entry-title entry-title\"><a href=\"https:\/\/www.garciafaura.com\/es\/portfolio-item\/promocion-esplugues-de-llobregat\/\" title=\"Promoci\u00f3n Esplugues de Llobregat\">Promoci\u00f3n Esplugues de Llobregat<\/a><\/h2><div class=\"portfolio-entry-categories entry-categories wpex-clr\"><a href=\"https:\/\/www.garciafaura.com\/es\/portfolio-category\/conjuntos-residenciales\/\" class=\"term-46\">Conjuntos residenciales<\/a><\/div><\/div><\/div><\/div><div class=\"portfolio-entry vcex-grid-item entry-has-details span_1_of_3 col col-3 vcex-isotope-entry vcex-no-margin-entry post-17784 entry type-portfolio has-media cat-46 translation_priority-6\"><div class=\"portfolio-entry-inner entry-inner wpex-clr\"><div class=\"portfolio-entry-media entry-media wpex-clr\"><a href=\"https:\/\/www.garciafaura.com\/wp-content\/uploads\/2018\/10\/Promocio-Viladomat-3.jpg\" title=\"Promoci\u00f3n Viladomat\" class=\"portfolio-entry-media-link wpex-lightbox-gallery\" data-gallery=\"[{&quot;src&quot;:&quot;https:\\\/\\\/www.garciafaura.com\\\/wp-content\\\/uploads\\\/2018\\\/10\\\/Promocio-Viladomat-1.jpg&quot;,&quot;title&quot;:&quot;Cerramientos, persianas y chapados en promoci\\u00f3n residencial en Barcelona&quot;},{&quot;src&quot;:&quot;https:\\\/\\\/www.garciafaura.com\\\/wp-content\\\/uploads\\\/2018\\\/10\\\/Promocio-Viladomat-6.jpg&quot;,&quot;title&quot;:&quot;Cerramientos, persianas y chapados en promoci\\u00f3n residencial en Barcelona&quot;},{&quot;src&quot;:&quot;https:\\\/\\\/www.garciafaura.com\\\/wp-content\\\/uploads\\\/2018\\\/10\\\/Promocio-Viladomat-5.jpg&quot;,&quot;title&quot;:&quot;Cerramientos, persianas y chapados en promoci\\u00f3n residencial en Barcelona&quot;},{&quot;src&quot;:&quot;https:\\\/\\\/www.garciafaura.com\\\/wp-content\\\/uploads\\\/2018\\\/10\\\/Promocio-Viladomat-4.jpg&quot;,&quot;title&quot;:&quot;Cerramientos, persianas y chapados en promoci\\u00f3n residencial en Barcelona&quot;},{&quot;src&quot;:&quot;https:\\\/\\\/www.garciafaura.com\\\/wp-content\\\/uploads\\\/2018\\\/10\\\/Promocio-Viladomat-3.jpg&quot;,&quot;title&quot;:&quot;Cerramientos, persianas y chapados en promoci\\u00f3n residencial en Barcelona&quot;},{&quot;src&quot;:&quot;https:\\\/\\\/www.garciafaura.com\\\/wp-content\\\/uploads\\\/2018\\\/10\\\/Promocio-Viladomat-2.jpg&quot;,&quot;title&quot;:&quot;Cerramientos, persianas y chapados en promoci\\u00f3n residencial en Barcelona&quot;}]\"><img loading=\"lazy\" decoding=\"async\" data-no-lazy=\"1\" class=\"portfolio-entry-img skip-lazy\" src=\"https:\/\/www.garciafaura.com\/wp-content\/uploads\/2018\/10\/Promocio-Viladomat-3-600x314.jpg\" alt=\"Cerramientos, Persianas Y Chapados En Promoci\u00f3n Residencial En Barcelona\" data-no-retina width=\"600\" height=\"314\" \/><\/a><\/div><div class=\"portfolio-entry-details entry-details wpex-clr\"><h2 class=\"portfolio-entry-title entry-title\"><a href=\"https:\/\/www.garciafaura.com\/es\/portfolio-item\/promocion-viladomat\/\" title=\"Promoci\u00f3n Viladomat\">Promoci\u00f3n Viladomat<\/a><\/h2><div class=\"portfolio-entry-categories entry-categories wpex-clr\"><a href=\"https:\/\/www.garciafaura.com\/es\/portfolio-category\/conjuntos-residenciales\/\" class=\"term-46\">Conjuntos residenciales<\/a><\/div><\/div><\/div><\/div><div class=\"portfolio-entry vcex-grid-item entry-has-details span_1_of_3 col col-1 vcex-isotope-entry vcex-no-margin-entry post-17761 entry type-portfolio has-media cat-46 translation_priority-6\"><div class=\"portfolio-entry-inner entry-inner wpex-clr\"><div class=\"portfolio-entry-media entry-media wpex-clr\"><a href=\"https:\/\/www.garciafaura.com\/wp-content\/uploads\/2018\/10\/Promocio-Tower-La-Remunta-05.jpg\" title=\"Promoci\u00f3n Tower La Remunta\" class=\"portfolio-entry-media-link wpex-lightbox-gallery\" data-gallery=\"[{&quot;src&quot;:&quot;https:\\\/\\\/www.garciafaura.com\\\/wp-content\\\/uploads\\\/2018\\\/10\\\/Promocio-Tower-La-Remunta-01.jpg&quot;,&quot;title&quot;:&quot;Cerramientos en promoci\\u00f3n residencial en L&#039;Hospitalet de Llobregat&quot;},{&quot;src&quot;:&quot;https:\\\/\\\/www.garciafaura.com\\\/wp-content\\\/uploads\\\/2018\\\/10\\\/Promocio-La-Remunta-07.jpg&quot;,&quot;title&quot;:&quot;Rehabilitaci\\u00f3n de fachada para aumentar la eficiencia energ\\u00e9tica del edificio&quot;},{&quot;src&quot;:&quot;https:\\\/\\\/www.garciafaura.com\\\/wp-content\\\/uploads\\\/2018\\\/10\\\/Promocio-La-Remunta-06.jpg&quot;,&quot;title&quot;:&quot;Rehabilitaci\\u00f3n de fachada para aumentar la eficiencia energ\\u00e9tica del edificio&quot;},{&quot;src&quot;:&quot;https:\\\/\\\/www.garciafaura.com\\\/wp-content\\\/uploads\\\/2018\\\/10\\\/Promocio-La-Remunta-05.jpg&quot;,&quot;title&quot;:&quot;Rehabilitaci\\u00f3n de fachada para aumentar la eficiencia energ\\u00e9tica del edificio&quot;},{&quot;src&quot;:&quot;https:\\\/\\\/www.garciafaura.com\\\/wp-content\\\/uploads\\\/2018\\\/10\\\/Promocio-La-Remunta-03.jpg&quot;,&quot;title&quot;:&quot;Rehabilitaci\\u00f3n de fachada para aumentar la eficiencia energ\\u00e9tica del edificio&quot;},{&quot;src&quot;:&quot;https:\\\/\\\/www.garciafaura.com\\\/wp-content\\\/uploads\\\/2018\\\/10\\\/Promocio-La-Remunta-04.jpg&quot;,&quot;title&quot;:&quot;Rehabilitaci\\u00f3n de fachada para aumentar la eficiencia energ\\u00e9tica del edificio&quot;},{&quot;src&quot;:&quot;https:\\\/\\\/www.garciafaura.com\\\/wp-content\\\/uploads\\\/2018\\\/10\\\/Promocio-La-Remunta-02.jpg&quot;,&quot;title&quot;:&quot;Rehabilitaci\\u00f3n de fachada para aumentar la eficiencia energ\\u00e9tica del edificio&quot;},{&quot;src&quot;:&quot;https:\\\/\\\/www.garciafaura.com\\\/wp-content\\\/uploads\\\/2018\\\/10\\\/Promocio-La-Remunta-01.jpg&quot;,&quot;title&quot;:&quot;Rehabilitaci\\u00f3n de fachada para aumentar la eficiencia energ\\u00e9tica del edificio&quot;},{&quot;src&quot;:&quot;https:\\\/\\\/www.garciafaura.com\\\/wp-content\\\/uploads\\\/2018\\\/10\\\/Promocio-Tower-La-Remunta-08.jpg&quot;,&quot;title&quot;:&quot;Cerramientos en promoci\\u00f3n residencial en L&#039;Hospitalet de Llobregat&quot;},{&quot;src&quot;:&quot;https:\\\/\\\/www.garciafaura.com\\\/wp-content\\\/uploads\\\/2018\\\/10\\\/Promocio-Tower-La-Remunta-07.jpg&quot;,&quot;title&quot;:&quot;Cerramientos en promoci\\u00f3n residencial en L&#039;Hospitalet de Llobregat&quot;},{&quot;src&quot;:&quot;https:\\\/\\\/www.garciafaura.com\\\/wp-content\\\/uploads\\\/2018\\\/10\\\/Promocio-Tower-La-Remunta-06.jpg&quot;,&quot;title&quot;:&quot;Cerramientos en promoci\\u00f3n residencial en L&#039;Hospitalet de Llobregat&quot;},{&quot;src&quot;:&quot;https:\\\/\\\/www.garciafaura.com\\\/wp-content\\\/uploads\\\/2018\\\/10\\\/Promocio-Tower-La-Remunta-05.jpg&quot;,&quot;title&quot;:&quot;Cerramientos en promoci\\u00f3n residencial en L&#039;Hospitalet de Llobregat&quot;},{&quot;src&quot;:&quot;https:\\\/\\\/www.garciafaura.com\\\/wp-content\\\/uploads\\\/2018\\\/10\\\/Promocio-Tower-La-Remunta-04.jpg&quot;,&quot;title&quot;:&quot;Cerramientos en promoci\\u00f3n residencial en L&#039;Hospitalet de Llobregat&quot;},{&quot;src&quot;:&quot;https:\\\/\\\/www.garciafaura.com\\\/wp-content\\\/uploads\\\/2018\\\/10\\\/Promocio-Tower-La-Remunta-03.jpg&quot;,&quot;title&quot;:&quot;Cerramientos en promoci\\u00f3n residencial en L&#039;Hospitalet de Llobregat&quot;},{&quot;src&quot;:&quot;https:\\\/\\\/www.garciafaura.com\\\/wp-content\\\/uploads\\\/2018\\\/10\\\/Promocio-Tower-La-Remunta-02.jpg&quot;,&quot;title&quot;:&quot;Cerramientos en promoci\\u00f3n residencial en L&#039;Hospitalet de Llobregat&quot;}]\"><img loading=\"lazy\" decoding=\"async\" data-no-lazy=\"1\" class=\"portfolio-entry-img skip-lazy\" src=\"https:\/\/www.garciafaura.com\/wp-content\/uploads\/2018\/10\/Promocio-Tower-La-Remunta-05-600x314.jpg\" alt=\"Cerramientos En Promoci\u00f3n Residencial En L'Hospitalet De Llobregat\" data-no-retina width=\"600\" height=\"314\" \/><\/a><\/div><div class=\"portfolio-entry-details entry-details wpex-clr\"><h2 class=\"portfolio-entry-title entry-title\"><a href=\"https:\/\/www.garciafaura.com\/es\/portfolio-item\/promocion-tower-la-remunta\/\" title=\"Promoci\u00f3n Tower La Remunta\">Promoci\u00f3n Tower La Remunta<\/a><\/h2><div class=\"portfolio-entry-categories entry-categories wpex-clr\"><a href=\"https:\/\/www.garciafaura.com\/es\/portfolio-category\/conjuntos-residenciales\/\" class=\"term-46\">Conjuntos residenciales<\/a><\/div><\/div><\/div><\/div><div class=\"portfolio-entry vcex-grid-item entry-has-details span_1_of_3 col col-2 vcex-isotope-entry vcex-no-margin-entry post-17758 entry type-portfolio has-media cat-46 translation_priority-6\"><div class=\"portfolio-entry-inner entry-inner wpex-clr\"><div class=\"portfolio-entry-media entry-media wpex-clr\"><a href=\"https:\/\/www.garciafaura.com\/wp-content\/uploads\/2018\/10\/Promocio-Cal-Ciso-07.jpg\" title=\"Promoci\u00f3n Cal Cis\u00f3\" class=\"portfolio-entry-media-link wpex-lightbox-gallery\" data-gallery=\"[{&quot;src&quot;:&quot;https:\\\/\\\/www.garciafaura.com\\\/wp-content\\\/uploads\\\/2018\\\/10\\\/Promocio-Cal-Ciso-01.jpg&quot;,&quot;title&quot;:&quot;Cerramientos y protecciones solares para vivienda protegida&quot;},{&quot;src&quot;:&quot;https:\\\/\\\/www.garciafaura.com\\\/wp-content\\\/uploads\\\/2018\\\/10\\\/Promocio-Cal-Ciso-08.jpg&quot;,&quot;title&quot;:&quot;Cerramientos y protecciones solares para vivienda protegida&quot;},{&quot;src&quot;:&quot;https:\\\/\\\/www.garciafaura.com\\\/wp-content\\\/uploads\\\/2018\\\/10\\\/Promocio-Cal-Ciso-07.jpg&quot;,&quot;title&quot;:&quot;Cerramientos y protecciones solares para vivienda protegida&quot;},{&quot;src&quot;:&quot;https:\\\/\\\/www.garciafaura.com\\\/wp-content\\\/uploads\\\/2018\\\/10\\\/Promocio-Cal-Ciso-06.jpg&quot;,&quot;title&quot;:&quot;Cerramientos y protecciones solares para vivienda protegida&quot;},{&quot;src&quot;:&quot;https:\\\/\\\/www.garciafaura.com\\\/wp-content\\\/uploads\\\/2018\\\/10\\\/Promocio-Cal-Ciso-05.jpg&quot;,&quot;title&quot;:&quot;Cerramientos y protecciones solares para vivienda protegida&quot;},{&quot;src&quot;:&quot;https:\\\/\\\/www.garciafaura.com\\\/wp-content\\\/uploads\\\/2018\\\/10\\\/Promocio-Cal-Ciso-04.jpg&quot;,&quot;title&quot;:&quot;Cerramientos y protecciones solares para vivienda protegida&quot;},{&quot;src&quot;:&quot;https:\\\/\\\/www.garciafaura.com\\\/wp-content\\\/uploads\\\/2018\\\/10\\\/Promocio-Cal-Ciso-03.jpg&quot;,&quot;title&quot;:&quot;Cerramientos y protecciones solares para vivienda protegida&quot;},{&quot;src&quot;:&quot;https:\\\/\\\/www.garciafaura.com\\\/wp-content\\\/uploads\\\/2018\\\/10\\\/Promocio-Cal-Ciso-02.jpg&quot;,&quot;title&quot;:&quot;Cerramientos y protecciones solares para vivienda protegida&quot;}]\"><img loading=\"lazy\" decoding=\"async\" data-no-lazy=\"1\" class=\"portfolio-entry-img skip-lazy\" src=\"https:\/\/www.garciafaura.com\/wp-content\/uploads\/2018\/10\/Promocio-Cal-Ciso-07-600x314.jpg\" alt=\"Cerramientos Y Protecciones Solares Para Vivienda Protegida\" data-no-retina width=\"600\" height=\"314\" \/><\/a><\/div><div class=\"portfolio-entry-details entry-details wpex-clr\"><h2 class=\"portfolio-entry-title entry-title\"><a href=\"https:\/\/www.garciafaura.com\/es\/portfolio-item\/promocion-cal-ciso\/\" title=\"Promoci\u00f3n Cal Cis\u00f3\">Promoci\u00f3n Cal Cis\u00f3<\/a><\/h2><div class=\"portfolio-entry-categories entry-categories wpex-clr\"><a href=\"https:\/\/www.garciafaura.com\/es\/portfolio-category\/conjuntos-residenciales\/\" class=\"term-46\">Conjuntos residenciales<\/a><\/div><\/div><\/div><\/div><div class=\"portfolio-entry vcex-grid-item entry-has-details span_1_of_3 col col-3 vcex-isotope-entry vcex-no-margin-entry post-17748 entry type-portfolio has-media cat-46 translation_priority-6\"><div class=\"portfolio-entry-inner entry-inner wpex-clr\"><div class=\"portfolio-entry-media entry-media wpex-clr\"><a href=\"https:\/\/www.garciafaura.com\/wp-content\/uploads\/2018\/10\/Promicio-Ponent-Badalona-01.jpg\" title=\"Promoci\u00f3n Ponent Badalona\" class=\"portfolio-entry-media-link wpex-lightbox-gallery\" data-gallery=\"[{&quot;src&quot;:&quot;https:\\\/\\\/www.garciafaura.com\\\/wp-content\\\/uploads\\\/2018\\\/10\\\/Promicio-Ponent-Badalona-01.jpg&quot;,&quot;title&quot;:&quot;Cerramientos de aluminio y vidrio en promoci\\u00f3n de viviendas&quot;},{&quot;src&quot;:&quot;https:\\\/\\\/www.garciafaura.com\\\/wp-content\\\/uploads\\\/2018\\\/10\\\/Promicio-Ponent-Badalona-09.jpg&quot;,&quot;title&quot;:&quot;Cerramientos de aluminio y vidrio en promoci\\u00f3n de viviendas&quot;},{&quot;src&quot;:&quot;https:\\\/\\\/www.garciafaura.com\\\/wp-content\\\/uploads\\\/2018\\\/10\\\/Promicio-Ponent-Badalona-08.jpg&quot;,&quot;title&quot;:&quot;Cerramientos de aluminio y vidrio en promoci\\u00f3n de viviendas&quot;},{&quot;src&quot;:&quot;https:\\\/\\\/www.garciafaura.com\\\/wp-content\\\/uploads\\\/2018\\\/10\\\/Promicio-Ponent-Badalona-07.jpg&quot;,&quot;title&quot;:&quot;Cerramientos de aluminio y vidrio en promoci\\u00f3n de viviendas&quot;},{&quot;src&quot;:&quot;https:\\\/\\\/www.garciafaura.com\\\/wp-content\\\/uploads\\\/2018\\\/10\\\/Promicio-Ponent-Badalona-06.jpg&quot;,&quot;title&quot;:&quot;Cerramientos de aluminio y vidrio en promoci\\u00f3n de viviendas&quot;},{&quot;src&quot;:&quot;https:\\\/\\\/www.garciafaura.com\\\/wp-content\\\/uploads\\\/2018\\\/10\\\/Promicio-Ponent-Badalona-05.jpg&quot;,&quot;title&quot;:&quot;Cerramientos de aluminio y vidrio en promoci\\u00f3n de viviendas&quot;},{&quot;src&quot;:&quot;https:\\\/\\\/www.garciafaura.com\\\/wp-content\\\/uploads\\\/2018\\\/10\\\/Promicio-Ponent-Badalona-04.jpg&quot;,&quot;title&quot;:&quot;Cerramientos de aluminio y vidrio en promoci\\u00f3n de viviendas&quot;},{&quot;src&quot;:&quot;https:\\\/\\\/www.garciafaura.com\\\/wp-content\\\/uploads\\\/2018\\\/10\\\/Promicio-Ponent-Badalona-03.jpg&quot;,&quot;title&quot;:&quot;Cerramientos de aluminio y vidrio en promoci\\u00f3n de viviendas&quot;},{&quot;src&quot;:&quot;https:\\\/\\\/www.garciafaura.com\\\/wp-content\\\/uploads\\\/2018\\\/10\\\/Promicio-Ponent-Badalona-02.jpg&quot;,&quot;title&quot;:&quot;Cerramientos de aluminio y vidrio en promoci\\u00f3n de viviendas&quot;}]\"><img loading=\"lazy\" decoding=\"async\" data-no-lazy=\"1\" class=\"portfolio-entry-img skip-lazy\" src=\"https:\/\/www.garciafaura.com\/wp-content\/uploads\/2018\/10\/Promicio-Ponent-Badalona-01-600x314.jpg\" alt=\"Cerramientos De Aluminio Y Vidrio En Promoci\u00f3n De Viviendas\" data-no-retina width=\"600\" height=\"314\" \/><\/a><\/div><div class=\"portfolio-entry-details entry-details wpex-clr\"><h2 class=\"portfolio-entry-title entry-title\"><a href=\"https:\/\/www.garciafaura.com\/es\/portfolio-item\/promocion-ponent-badalona\/\" title=\"Promoci\u00f3n Ponent Badalona\">Promoci\u00f3n Ponent Badalona<\/a><\/h2><div class=\"portfolio-entry-categories entry-categories wpex-clr\"><a href=\"https:\/\/www.garciafaura.com\/es\/portfolio-category\/conjuntos-residenciales\/\" class=\"term-46\">Conjuntos residenciales<\/a><\/div><\/div><\/div><\/div><div class=\"portfolio-entry vcex-grid-item entry-has-details span_1_of_3 col col-1 vcex-isotope-entry vcex-no-margin-entry post-17745 entry type-portfolio has-media cat-46 translation_priority-6\"><div class=\"portfolio-entry-inner entry-inner wpex-clr\"><div class=\"portfolio-entry-media entry-media wpex-clr\"><a href=\"https:\/\/www.garciafaura.com\/wp-content\/uploads\/2018\/10\/Promocio-Marti-Pujol-Badalona-06.jpg\" title=\"Promoci\u00f3n Mart\u00ed Pujol\" class=\"portfolio-entry-media-link wpex-lightbox-gallery\" data-gallery=\"[{&quot;src&quot;:&quot;https:\\\/\\\/www.garciafaura.com\\\/wp-content\\\/uploads\\\/2018\\\/10\\\/Promocio-Marti-Pujol-Badalona-01.jpg&quot;,&quot;title&quot;:&quot;Cerramientos de aluminio y vidrio en promoci\\u00f3n de viviendas&quot;},{&quot;src&quot;:&quot;https:\\\/\\\/www.garciafaura.com\\\/wp-content\\\/uploads\\\/2018\\\/10\\\/Promocio-Marti-Pujol-Badalona-07.jpg&quot;,&quot;title&quot;:&quot;Cerramientos de aluminio y vidrio en promoci\\u00f3n de viviendas&quot;},{&quot;src&quot;:&quot;https:\\\/\\\/www.garciafaura.com\\\/wp-content\\\/uploads\\\/2018\\\/10\\\/Promocio-Marti-Pujol-Badalona-06.jpg&quot;,&quot;title&quot;:&quot;Cerramientos de aluminio y vidrio en promoci\\u00f3n de viviendas&quot;},{&quot;src&quot;:&quot;https:\\\/\\\/www.garciafaura.com\\\/wp-content\\\/uploads\\\/2018\\\/10\\\/Promocio-Marti-Pujol-Badalona-05.jpg&quot;,&quot;title&quot;:&quot;Cerramientos de aluminio y vidrio en promoci\\u00f3n de viviendas&quot;},{&quot;src&quot;:&quot;https:\\\/\\\/www.garciafaura.com\\\/wp-content\\\/uploads\\\/2018\\\/10\\\/Promocio-Marti-Pujol-Badalona-04.jpg&quot;,&quot;title&quot;:&quot;Cerramientos de aluminio y vidrio en promoci\\u00f3n de viviendas&quot;},{&quot;src&quot;:&quot;https:\\\/\\\/www.garciafaura.com\\\/wp-content\\\/uploads\\\/2018\\\/10\\\/Promocio-Marti-Pujol-Badalona-03.jpg&quot;,&quot;title&quot;:&quot;Cerramientos de aluminio y vidrio en promoci\\u00f3n de viviendas&quot;},{&quot;src&quot;:&quot;https:\\\/\\\/www.garciafaura.com\\\/wp-content\\\/uploads\\\/2018\\\/10\\\/Promocio-Marti-Pujol-Badalona-02.jpg&quot;,&quot;title&quot;:&quot;Cerramientos de aluminio y vidrio en promoci\\u00f3n de viviendas&quot;}]\"><img loading=\"lazy\" decoding=\"async\" data-no-lazy=\"1\" class=\"portfolio-entry-img skip-lazy\" src=\"https:\/\/www.garciafaura.com\/wp-content\/uploads\/2018\/10\/Promocio-Marti-Pujol-Badalona-06-600x314.jpg\" alt=\"Cerramientos De Aluminio Y Vidrio En Promoci\u00f3n De Viviendas\" data-no-retina width=\"600\" height=\"314\" \/><\/a><\/div><div class=\"portfolio-entry-details entry-details wpex-clr\"><h2 class=\"portfolio-entry-title entry-title\"><a href=\"https:\/\/www.garciafaura.com\/es\/portfolio-item\/promocion-marti-pujol\/\" title=\"Promoci\u00f3n Mart\u00ed Pujol\">Promoci\u00f3n Mart\u00ed Pujol<\/a><\/h2><div class=\"portfolio-entry-categories entry-categories wpex-clr\"><a href=\"https:\/\/www.garciafaura.com\/es\/portfolio-category\/conjuntos-residenciales\/\" class=\"term-46\">Conjuntos residenciales<\/a><\/div><\/div><\/div><\/div><div class=\"portfolio-entry vcex-grid-item entry-has-details span_1_of_3 col col-2 vcex-isotope-entry vcex-no-margin-entry post-17722 entry type-portfolio has-media cat-46 translation_priority-6\"><div class=\"portfolio-entry-inner entry-inner wpex-clr\"><div class=\"portfolio-entry-media entry-media wpex-clr\"><a href=\"https:\/\/www.garciafaura.com\/wp-content\/uploads\/2018\/09\/Promocio-Iberhogar-Sant-Boi-01.jpg\" title=\"Promoci\u00f3n Iberhogar Sant Boi de Llobregat\" class=\"portfolio-entry-media-link wpex-lightbox-gallery\" data-gallery=\"[{&quot;src&quot;:&quot;https:\\\/\\\/www.garciafaura.com\\\/wp-content\\\/uploads\\\/2018\\\/09\\\/Promocio-Iberhogar-Sant-Boi-01.jpg&quot;,&quot;title&quot;:&quot;Cerramientos de aluminio y vidrio en promoci\\u00f3n de viviendas en Sant Boi de Llobregat.&quot;},{&quot;src&quot;:&quot;https:\\\/\\\/www.garciafaura.com\\\/wp-content\\\/uploads\\\/2018\\\/09\\\/Promocio-Iberhogar-Sant-Boi-08.jpg&quot;,&quot;title&quot;:&quot;Cerramientos de aluminio y vidrio en promoci\\u00f3n de viviendas en Sant Boi de Llobregat.&quot;},{&quot;src&quot;:&quot;https:\\\/\\\/www.garciafaura.com\\\/wp-content\\\/uploads\\\/2018\\\/09\\\/Promocio-Iberhogar-Sant-Boi-07.jpg&quot;,&quot;title&quot;:&quot;Cerramientos de aluminio y vidrio en promoci\\u00f3n de viviendas en Sant Boi de Llobregat.&quot;},{&quot;src&quot;:&quot;https:\\\/\\\/www.garciafaura.com\\\/wp-content\\\/uploads\\\/2018\\\/09\\\/Promocio-Iberhogar-Sant-Boi-06.jpg&quot;,&quot;title&quot;:&quot;Cerramientos de aluminio y vidrio en promoci\\u00f3n de viviendas en Sant Boi de Llobregat.&quot;},{&quot;src&quot;:&quot;https:\\\/\\\/www.garciafaura.com\\\/wp-content\\\/uploads\\\/2018\\\/09\\\/Promocio-Iberhogar-Sant-Boi-05.jpg&quot;,&quot;title&quot;:&quot;Cerramientos de aluminio y vidrio en promoci\\u00f3n de viviendas en Sant Boi de Llobregat.&quot;},{&quot;src&quot;:&quot;https:\\\/\\\/www.garciafaura.com\\\/wp-content\\\/uploads\\\/2018\\\/09\\\/Promocio-Iberhogar-Sant-Boi-04.jpg&quot;,&quot;title&quot;:&quot;Cerramientos de aluminio y vidrio en promoci\\u00f3n de viviendas en Sant Boi de Llobregat.&quot;},{&quot;src&quot;:&quot;https:\\\/\\\/www.garciafaura.com\\\/wp-content\\\/uploads\\\/2018\\\/09\\\/Promocio-Iberhogar-Sant-Boi-03.jpg&quot;,&quot;title&quot;:&quot;Cerramientos de aluminio y vidrio en promoci\\u00f3n de viviendas en Sant Boi de Llobregat.&quot;},{&quot;src&quot;:&quot;https:\\\/\\\/www.garciafaura.com\\\/wp-content\\\/uploads\\\/2018\\\/09\\\/Promocio-Iberhogar-Sant-Boi-02.jpg&quot;,&quot;title&quot;:&quot;Cerramientos de aluminio y vidrio en promoci\\u00f3n de viviendas en Sant Boi de Llobregat.&quot;}]\"><img loading=\"lazy\" decoding=\"async\" data-no-lazy=\"1\" class=\"portfolio-entry-img skip-lazy\" src=\"https:\/\/www.garciafaura.com\/wp-content\/uploads\/2018\/09\/Promocio-Iberhogar-Sant-Boi-01-600x314.jpg\" alt=\"Cerramientos De Aluminio Y Vidrio En Promoci\u00f3n De Viviendas En Sant Boi De Llobregat.\" data-no-retina width=\"600\" height=\"314\" \/><\/a><\/div><div class=\"portfolio-entry-details entry-details wpex-clr\"><h2 class=\"portfolio-entry-title entry-title\"><a href=\"https:\/\/www.garciafaura.com\/es\/portfolio-item\/promocion-iberhogar-sant-boi-de-llobregat\/\" title=\"Promoci\u00f3n Iberhogar Sant Boi de Llobregat\">Promoci\u00f3n Iberhogar Sant Boi de Llobregat<\/a><\/h2><div class=\"portfolio-entry-categories entry-categories wpex-clr\"><a href=\"https:\/\/www.garciafaura.com\/es\/portfolio-category\/conjuntos-residenciales\/\" class=\"term-46\">Conjuntos residenciales<\/a><\/div><\/div><\/div><\/div><div class=\"portfolio-entry vcex-grid-item entry-has-details span_1_of_3 col col-3 vcex-isotope-entry vcex-no-margin-entry post-17704 entry type-portfolio has-media cat-46 translation_priority-6\"><div class=\"portfolio-entry-inner entry-inner wpex-clr\"><div class=\"portfolio-entry-media entry-media wpex-clr\"><a href=\"https:\/\/www.garciafaura.com\/wp-content\/uploads\/2019\/01\/IMG_9029.jpg\" title=\"Promoci\u00f3n Sant Andreu\" class=\"portfolio-entry-media-link wpex-lightbox\"><img loading=\"lazy\" decoding=\"async\" data-no-lazy=\"1\" class=\"portfolio-entry-img skip-lazy\" src=\"https:\/\/www.garciafaura.com\/wp-content\/uploads\/2019\/01\/IMG_9029-600x314.jpg\" alt=\"Cerramientos De Aluminio Y Vidrio Para Edificio Residencial En Barcelona\" data-no-retina width=\"600\" height=\"314\" \/><\/a><\/div><div class=\"portfolio-entry-details entry-details wpex-clr\"><h2 class=\"portfolio-entry-title entry-title\"><a href=\"https:\/\/www.garciafaura.com\/es\/portfolio-item\/promocion-sant-andreu\/\" title=\"Promoci\u00f3n Sant Andreu\">Promoci\u00f3n Sant Andreu<\/a><\/h2><div class=\"portfolio-entry-categories entry-categories wpex-clr\"><a href=\"https:\/\/www.garciafaura.com\/es\/portfolio-category\/conjuntos-residenciales\/\" class=\"term-46\">Conjuntos residenciales<\/a><\/div><\/div><\/div><\/div><div class=\"portfolio-entry vcex-grid-item entry-has-details span_1_of_3 col col-1 vcex-isotope-entry vcex-no-margin-entry post-17655 entry type-portfolio has-media cat-46 translation_priority-6\"><div class=\"portfolio-entry-inner entry-inner wpex-clr\"><div class=\"portfolio-entry-media entry-media wpex-clr\"><a href=\"https:\/\/www.garciafaura.com\/wp-content\/uploads\/2018\/09\/Promocio-Can-Mates-Sant-Cugat-01.jpg\" title=\"Promoci\u00f3n Can Mates\" class=\"portfolio-entry-media-link wpex-lightbox-gallery\" data-gallery=\"[{&quot;src&quot;:&quot;https:\\\/\\\/www.garciafaura.com\\\/wp-content\\\/uploads\\\/2018\\\/09\\\/Promocio-Can-Mates-Sant-Cugat-01.jpg&quot;,&quot;title&quot;:&quot;Cerramientos de aluminio en promoci\\u00f3n de viviendas en Sant Cugat del Vall\\u00e8s&quot;},{&quot;src&quot;:&quot;https:\\\/\\\/www.garciafaura.com\\\/wp-content\\\/uploads\\\/2018\\\/09\\\/Promocio-Can-Mates-Sant-Cugat-02.jpg&quot;,&quot;title&quot;:&quot;Cerramientos de aluminio en promoci\\u00f3n de viviendas en Sant Cugat del Vall\\u00e8s&quot;},{&quot;src&quot;:&quot;https:\\\/\\\/www.garciafaura.com\\\/wp-content\\\/uploads\\\/2018\\\/09\\\/Promocio-Can-Mates-Sant-Cugat-03.jpg&quot;,&quot;title&quot;:&quot;Cerramientos de aluminio en promoci\\u00f3n de viviendas en Sant Cugat del Vall\\u00e8s&quot;},{&quot;src&quot;:&quot;https:\\\/\\\/www.garciafaura.com\\\/wp-content\\\/uploads\\\/2018\\\/09\\\/Promocio-Can-Mates-Sant-Cugat-04.jpg&quot;,&quot;title&quot;:&quot;Cerramientos de aluminio en promoci\\u00f3n de viviendas en Sant Cugat del Vall\\u00e8s&quot;},{&quot;src&quot;:&quot;https:\\\/\\\/www.garciafaura.com\\\/wp-content\\\/uploads\\\/2018\\\/09\\\/Promocio-Can-Mates-Sant-Cugat-05.jpg&quot;,&quot;title&quot;:&quot;Cerramientos de aluminio en promoci\\u00f3n de viviendas en Sant Cugat del Vall\\u00e8s&quot;},{&quot;src&quot;:&quot;https:\\\/\\\/www.garciafaura.com\\\/wp-content\\\/uploads\\\/2018\\\/09\\\/Promocio-Can-Mates-Sant-Cugat-06.jpg&quot;,&quot;title&quot;:&quot;Cerramientos de aluminio en promoci\\u00f3n de viviendas en Sant Cugat del Vall\\u00e8s&quot;},{&quot;src&quot;:&quot;https:\\\/\\\/www.garciafaura.com\\\/wp-content\\\/uploads\\\/2018\\\/09\\\/Promocio-Can-Mates-Sant-Cugat-07.jpg&quot;,&quot;title&quot;:&quot;Cerramientos de aluminio en promoci\\u00f3n de viviendas en Sant Cugat del Vall\\u00e8s&quot;},{&quot;src&quot;:&quot;https:\\\/\\\/www.garciafaura.com\\\/wp-content\\\/uploads\\\/2018\\\/09\\\/Promocio-Can-Mates-Sant-Cugat-08.jpg&quot;,&quot;title&quot;:&quot;Cerramientos de aluminio en promoci\\u00f3n de viviendas en Sant Cugat del Vall\\u00e8s&quot;}]\"><img loading=\"lazy\" decoding=\"async\" data-no-lazy=\"1\" class=\"portfolio-entry-img skip-lazy\" src=\"https:\/\/www.garciafaura.com\/wp-content\/uploads\/2018\/09\/Promocio-Can-Mates-Sant-Cugat-01-600x314.jpg\" alt=\"Cerramientos De Aluminio En Promoci\u00f3n De Viviendas En Sant Cugat Del Vall\u00e8s\" data-no-retina width=\"600\" height=\"314\" \/><\/a><\/div><div class=\"portfolio-entry-details entry-details wpex-clr\"><h2 class=\"portfolio-entry-title entry-title\"><a href=\"https:\/\/www.garciafaura.com\/es\/portfolio-item\/promocion-can-mates\/\" title=\"Promoci\u00f3n Can Mates\">Promoci\u00f3n Can Mates<\/a><\/h2><div class=\"portfolio-entry-categories entry-categories wpex-clr\"><a href=\"https:\/\/www.garciafaura.com\/es\/portfolio-category\/conjuntos-residenciales\/\" class=\"term-46\">Conjuntos residenciales<\/a><\/div><\/div><\/div><\/div><div class=\"portfolio-entry vcex-grid-item entry-has-details span_1_of_3 col col-2 vcex-isotope-entry vcex-no-margin-entry post-17654 entry type-portfolio has-media cat-46 translation_priority-6\"><div class=\"portfolio-entry-inner entry-inner wpex-clr\"><div class=\"portfolio-entry-media entry-media wpex-clr\"><a href=\"https:\/\/www.garciafaura.com\/wp-content\/uploads\/2018\/09\/Promocio-Can-Ribes-Gava-01.jpg\" title=\"Promoci\u00f3n Can Ribes\" class=\"portfolio-entry-media-link wpex-lightbox-gallery\" data-gallery=\"[{&quot;src&quot;:&quot;https:\\\/\\\/www.garciafaura.com\\\/wp-content\\\/uploads\\\/2018\\\/09\\\/Promocio-Can-Ribes-Gava-01.jpg&quot;,&quot;title&quot;:&quot;Cerramientos y protecciones solares en promoci\\u00f3n residencial en Gav\\u00e0&quot;},{&quot;src&quot;:&quot;https:\\\/\\\/www.garciafaura.com\\\/wp-content\\\/uploads\\\/2018\\\/09\\\/Promocio-Can-Ribes-Gava-08.jpg&quot;,&quot;title&quot;:&quot;Cerramientos y protecciones solares en promoci\\u00f3n residencial en Gav\\u00e0&quot;},{&quot;src&quot;:&quot;https:\\\/\\\/www.garciafaura.com\\\/wp-content\\\/uploads\\\/2018\\\/09\\\/Promocio-Can-Ribes-Gava-07.jpg&quot;,&quot;title&quot;:&quot;Cerramientos y protecciones solares en promoci\\u00f3n residencial en Gav\\u00e0&quot;},{&quot;src&quot;:&quot;https:\\\/\\\/www.garciafaura.com\\\/wp-content\\\/uploads\\\/2018\\\/09\\\/Promocio-Can-Ribes-Gava-06.jpg&quot;,&quot;title&quot;:&quot;Cerramientos y protecciones solares en promoci\\u00f3n residencial en Gav\\u00e0&quot;},{&quot;src&quot;:&quot;https:\\\/\\\/www.garciafaura.com\\\/wp-content\\\/uploads\\\/2018\\\/09\\\/Promocio-Can-Ribes-Gava-05.jpg&quot;,&quot;title&quot;:&quot;Cerramientos y protecciones solares en promoci\\u00f3n residencial en Gav\\u00e0&quot;},{&quot;src&quot;:&quot;https:\\\/\\\/www.garciafaura.com\\\/wp-content\\\/uploads\\\/2018\\\/09\\\/Promocio-Can-Ribes-Gava-04.jpg&quot;,&quot;title&quot;:&quot;Cerramientos y protecciones solares en promoci\\u00f3n residencial en Gav\\u00e0&quot;},{&quot;src&quot;:&quot;https:\\\/\\\/www.garciafaura.com\\\/wp-content\\\/uploads\\\/2018\\\/09\\\/Promocio-Can-Ribes-Gava-03.jpg&quot;,&quot;title&quot;:&quot;Cerramientos y protecciones solares en promoci\\u00f3n residencial en Gav\\u00e0&quot;},{&quot;src&quot;:&quot;https:\\\/\\\/www.garciafaura.com\\\/wp-content\\\/uploads\\\/2018\\\/09\\\/Promocio-Can-Ribes-Gava-02.jpg&quot;,&quot;title&quot;:&quot;Cerramientos y protecciones solares en promoci\\u00f3n residencial en Gav\\u00e0&quot;}]\"><img loading=\"lazy\" decoding=\"async\" data-no-lazy=\"1\" class=\"portfolio-entry-img skip-lazy\" src=\"https:\/\/www.garciafaura.com\/wp-content\/uploads\/2018\/09\/Promocio-Can-Ribes-Gava-01-600x314.jpg\" alt=\"Cerramientos Y Protecciones Solares En Promoci\u00f3n Residencial En Gav\u00e0\" data-no-retina width=\"600\" height=\"314\" \/><\/a><\/div><div class=\"portfolio-entry-details entry-details wpex-clr\"><h2 class=\"portfolio-entry-title entry-title\"><a href=\"https:\/\/www.garciafaura.com\/es\/portfolio-item\/promocion-can-ribes\/\" title=\"Promoci\u00f3n Can Ribes\">Promoci\u00f3n Can Ribes<\/a><\/h2><div class=\"portfolio-entry-categories entry-categories wpex-clr\"><a href=\"https:\/\/www.garciafaura.com\/es\/portfolio-category\/conjuntos-residenciales\/\" class=\"term-46\">Conjuntos residenciales<\/a><\/div><\/div><\/div><\/div><div class=\"portfolio-entry vcex-grid-item entry-has-details span_1_of_3 col col-3 vcex-isotope-entry vcex-no-margin-entry post-17651 entry type-portfolio has-media cat-46 translation_priority-6\"><div class=\"portfolio-entry-inner entry-inner wpex-clr\"><div class=\"portfolio-entry-media entry-media wpex-clr\"><a href=\"https:\/\/www.garciafaura.com\/wp-content\/uploads\/2018\/09\/Promocio\u0301-Sant-Gervasi-02.jpg\" title=\"Promoci\u00f3n Sant Gervasi\" class=\"portfolio-entry-media-link wpex-lightbox-gallery\" data-gallery=\"[{&quot;src&quot;:&quot;https:\\\/\\\/www.garciafaura.com\\\/wp-content\\\/uploads\\\/2018\\\/09\\\/Promocio\\u0301-Sant-Gervasi-01.jpg&quot;},{&quot;src&quot;:&quot;https:\\\/\\\/www.garciafaura.com\\\/wp-content\\\/uploads\\\/2018\\\/09\\\/Promocio\\u0301-Sant-Gervasi-06.jpg&quot;},{&quot;src&quot;:&quot;https:\\\/\\\/www.garciafaura.com\\\/wp-content\\\/uploads\\\/2018\\\/09\\\/Promocio\\u0301-Sant-Gervasi-05.jpg&quot;},{&quot;src&quot;:&quot;https:\\\/\\\/www.garciafaura.com\\\/wp-content\\\/uploads\\\/2018\\\/09\\\/Promocio\\u0301-Sant-Gervasi-04.jpg&quot;},{&quot;src&quot;:&quot;https:\\\/\\\/www.garciafaura.com\\\/wp-content\\\/uploads\\\/2018\\\/09\\\/Promocio\\u0301-Sant-Gervasi-03.jpg&quot;},{&quot;src&quot;:&quot;https:\\\/\\\/www.garciafaura.com\\\/wp-content\\\/uploads\\\/2018\\\/09\\\/Promocio\\u0301-Sant-Gervasi-02.jpg&quot;,&quot;title&quot;:&quot;Cerramientos para promoci\\u00f3n de 29 viviendas en Barcelona.&quot;}]\"><img loading=\"lazy\" decoding=\"async\" data-no-lazy=\"1\" class=\"portfolio-entry-img skip-lazy\" src=\"https:\/\/www.garciafaura.com\/wp-content\/uploads\/2018\/09\/Promocio\u0301-Sant-Gervasi-02-600x314.jpg\" alt=\"Cerramientos Para Promoci\u00f3n De 29 Viviendas En Barcelona.\" data-no-retina width=\"600\" height=\"314\" \/><\/a><\/div><div class=\"portfolio-entry-details entry-details wpex-clr\"><h2 class=\"portfolio-entry-title entry-title\"><a href=\"https:\/\/www.garciafaura.com\/es\/portfolio-item\/promocion-sant-gervasi\/\" title=\"Promoci\u00f3n Sant Gervasi\">Promoci\u00f3n Sant Gervasi<\/a><\/h2><div class=\"portfolio-entry-categories entry-categories wpex-clr\"><a href=\"https:\/\/www.garciafaura.com\/es\/portfolio-category\/conjuntos-residenciales\/\" class=\"term-46\">Conjuntos residenciales<\/a><\/div><\/div><\/div><\/div><div class=\"portfolio-entry vcex-grid-item entry-has-details span_1_of_3 col col-1 vcex-isotope-entry vcex-no-margin-entry post-17642 entry type-portfolio has-media cat-46 translation_priority-6\"><div class=\"portfolio-entry-inner entry-inner wpex-clr\"><div class=\"portfolio-entry-media entry-media wpex-clr\"><a href=\"https:\/\/www.garciafaura.com\/wp-content\/uploads\/2019\/01\/IMG_9228.jpg\" title=\"Promoci\u00f3n Viladecans\" class=\"portfolio-entry-media-link wpex-lightbox-gallery\" data-gallery=\"[{&quot;src&quot;:&quot;https:\\\/\\\/www.garciafaura.com\\\/wp-content\\\/uploads\\\/2019\\\/01\\\/IMG_9228.jpg&quot;,&quot;title&quot;:&quot;Cerramientos para 70 viviendas en edificio plurifamilar&quot;},{&quot;src&quot;:&quot;https:\\\/\\\/www.garciafaura.com\\\/wp-content\\\/uploads\\\/2019\\\/01\\\/IMG_9238.jpg&quot;,&quot;title&quot;:&quot;Cerramientos para 70 viviendas en edificio plurifamilar&quot;},{&quot;src&quot;:&quot;https:\\\/\\\/www.garciafaura.com\\\/wp-content\\\/uploads\\\/2019\\\/01\\\/IMG_9237.jpg&quot;,&quot;title&quot;:&quot;Cerramientos para 70 viviendas en edificio plurifamilar&quot;},{&quot;src&quot;:&quot;https:\\\/\\\/www.garciafaura.com\\\/wp-content\\\/uploads\\\/2019\\\/01\\\/IMG_9235.jpg&quot;,&quot;title&quot;:&quot;Cerramientos para 70 viviendas en edificio plurifamilar&quot;},{&quot;src&quot;:&quot;https:\\\/\\\/www.garciafaura.com\\\/wp-content\\\/uploads\\\/2019\\\/01\\\/IMG_9232.jpg&quot;,&quot;title&quot;:&quot;Cerramientos para 70 viviendas en edificio plurifamilar&quot;},{&quot;src&quot;:&quot;https:\\\/\\\/www.garciafaura.com\\\/wp-content\\\/uploads\\\/2019\\\/01\\\/IMG_9231.jpg&quot;,&quot;title&quot;:&quot;Cerramientos para 70 viviendas en edificio plurifamilar&quot;},{&quot;src&quot;:&quot;https:\\\/\\\/www.garciafaura.com\\\/wp-content\\\/uploads\\\/2019\\\/01\\\/IMG_9230.jpg&quot;,&quot;title&quot;:&quot;Cerramientos para 70 viviendas en edificio plurifamilar&quot;},{&quot;src&quot;:&quot;https:\\\/\\\/www.garciafaura.com\\\/wp-content\\\/uploads\\\/2019\\\/01\\\/IMG_9224.jpg&quot;,&quot;title&quot;:&quot;Cerramientos para 70 viviendas en edificio plurifamilar&quot;},{&quot;src&quot;:&quot;https:\\\/\\\/www.garciafaura.com\\\/wp-content\\\/uploads\\\/2019\\\/01\\\/IMG_9222.jpg&quot;,&quot;title&quot;:&quot;Cerramientos para 70 viviendas en edificio plurifamilar&quot;},{&quot;src&quot;:&quot;https:\\\/\\\/www.garciafaura.com\\\/wp-content\\\/uploads\\\/2019\\\/01\\\/IMG_9221.jpg&quot;,&quot;title&quot;:&quot;Cerramientos para 70 viviendas en edificio plurifamilar&quot;}]\"><img loading=\"lazy\" decoding=\"async\" data-no-lazy=\"1\" class=\"portfolio-entry-img skip-lazy\" src=\"https:\/\/www.garciafaura.com\/wp-content\/uploads\/2019\/01\/IMG_9228-600x314.jpg\" alt=\"Cerramientos Para 70 Viviendas En Edificio Plurifamilar\" data-no-retina width=\"600\" height=\"314\" \/><\/a><\/div><div class=\"portfolio-entry-details entry-details wpex-clr\"><h2 class=\"portfolio-entry-title entry-title\"><a href=\"https:\/\/www.garciafaura.com\/es\/portfolio-item\/promocion-viladecans\/\" title=\"Promoci\u00f3n Viladecans\">Promoci\u00f3n Viladecans<\/a><\/h2><div class=\"portfolio-entry-categories entry-categories wpex-clr\"><a href=\"https:\/\/www.garciafaura.com\/es\/portfolio-category\/conjuntos-residenciales\/\" class=\"term-46\">Conjuntos residenciales<\/a><\/div><\/div><\/div><\/div><div class=\"portfolio-entry vcex-grid-item entry-has-details span_1_of_3 col col-2 vcex-isotope-entry vcex-no-margin-entry post-17634 entry type-portfolio has-media cat-46 translation_priority-6\"><div class=\"portfolio-entry-inner entry-inner wpex-clr\"><div class=\"portfolio-entry-media entry-media wpex-clr\"><a href=\"https:\/\/www.garciafaura.com\/wp-content\/uploads\/2019\/03\/Promocio-Sant-Feliu-Laurea-Miro-01.jpg\" title=\"Promoci\u00f3n Laure\u00e0 Mir\u00f3\" class=\"portfolio-entry-media-link wpex-lightbox-gallery\" data-gallery=\"[{&quot;src&quot;:&quot;https:\\\/\\\/www.garciafaura.com\\\/wp-content\\\/uploads\\\/2019\\\/03\\\/Promocio-Sant-Feliu-Fase-V-10-1.jpg&quot;},{&quot;src&quot;:&quot;https:\\\/\\\/www.garciafaura.com\\\/wp-content\\\/uploads\\\/2019\\\/03\\\/Promocio-Sant-Feliu-Laurea-Miro-08.jpg&quot;,&quot;title&quot;:&quot;Tancaments d&#039;alumini i vidre per a 24 habitatges de Sant Feliu de Llobregat&quot;},{&quot;src&quot;:&quot;https:\\\/\\\/www.garciafaura.com\\\/wp-content\\\/uploads\\\/2019\\\/03\\\/Promocio-Sant-Feliu-Laurea-Miro-07.jpg&quot;,&quot;title&quot;:&quot;Tancaments d&#039;alumini i vidre per a 24 habitatges de Sant Feliu de Llobregat&quot;},{&quot;src&quot;:&quot;https:\\\/\\\/www.garciafaura.com\\\/wp-content\\\/uploads\\\/2019\\\/03\\\/Promocio-Sant-Feliu-Laurea-Miro-06.jpg&quot;,&quot;title&quot;:&quot;Tancaments d&#039;alumini i vidre per a 24 habitatges de Sant Feliu de Llobregat&quot;},{&quot;src&quot;:&quot;https:\\\/\\\/www.garciafaura.com\\\/wp-content\\\/uploads\\\/2019\\\/03\\\/Promocio-Sant-Feliu-Laurea-Miro-05.jpg&quot;,&quot;title&quot;:&quot;Tancaments d&#039;alumini i vidre per a 24 habitatges de Sant Feliu de Llobregat&quot;},{&quot;src&quot;:&quot;https:\\\/\\\/www.garciafaura.com\\\/wp-content\\\/uploads\\\/2019\\\/03\\\/Promocio-Sant-Feliu-Laurea-Miro-04.jpg&quot;,&quot;title&quot;:&quot;Tancaments d&#039;alumini i vidre per a 24 habitatges de Sant Feliu de Llobregat&quot;},{&quot;src&quot;:&quot;https:\\\/\\\/www.garciafaura.com\\\/wp-content\\\/uploads\\\/2019\\\/03\\\/Promocio-Sant-Feliu-Laurea-Miro-03.jpg&quot;,&quot;title&quot;:&quot;Tancaments d&#039;alumini i vidre per a 24 habitatges de Sant Feliu de Llobregat&quot;},{&quot;src&quot;:&quot;https:\\\/\\\/www.garciafaura.com\\\/wp-content\\\/uploads\\\/2019\\\/03\\\/Promocio-Sant-Feliu-Laurea-Miro-02.jpg&quot;,&quot;title&quot;:&quot;Tancaments d&#039;alumini i vidre per a 24 habitatges de Sant Feliu de Llobregat&quot;},{&quot;src&quot;:&quot;https:\\\/\\\/www.garciafaura.com\\\/wp-content\\\/uploads\\\/2019\\\/03\\\/Promocio-Sant-Feliu-Laurea-Miro-01.jpg&quot;,&quot;title&quot;:&quot;Tancaments d&#039;alumini i vidre per a 24 habitatges de Sant Feliu de Llobregat&quot;}]\"><img loading=\"lazy\" decoding=\"async\" data-no-lazy=\"1\" class=\"portfolio-entry-img skip-lazy\" src=\"https:\/\/www.garciafaura.com\/wp-content\/uploads\/2019\/03\/Promocio-Sant-Feliu-Laurea-Miro-01-600x314.jpg\" alt=\"Tancaments D'alumini I Vidre Per A 24 Habitatges De Sant Feliu De Llobregat\" data-no-retina width=\"600\" height=\"314\" \/><\/a><\/div><div class=\"portfolio-entry-details entry-details wpex-clr\"><h2 class=\"portfolio-entry-title entry-title\"><a href=\"https:\/\/www.garciafaura.com\/es\/portfolio-item\/promocion-laurea-miro\/\" title=\"Promoci\u00f3n Laure\u00e0 Mir\u00f3\">Promoci\u00f3n Laure\u00e0 Mir\u00f3<\/a><\/h2><div class=\"portfolio-entry-categories entry-categories wpex-clr\"><a href=\"https:\/\/www.garciafaura.com\/es\/portfolio-category\/conjuntos-residenciales\/\" class=\"term-46\">Conjuntos residenciales<\/a><\/div><\/div><\/div><\/div><div class=\"portfolio-entry vcex-grid-item entry-has-details span_1_of_3 col col-3 vcex-isotope-entry vcex-no-margin-entry post-17590 entry type-portfolio has-media cat-46 translation_priority-6\"><div class=\"portfolio-entry-inner entry-inner wpex-clr\"><div class=\"portfolio-entry-media entry-media wpex-clr\"><a href=\"https:\/\/www.garciafaura.com\/wp-content\/uploads\/2019\/03\/Promocio-Sant-Feliu-Fase-V-01-1.jpg\" title=\"Promoci\u00f3n Sant Feliu fase V\" class=\"portfolio-entry-media-link wpex-lightbox-gallery\" data-gallery=\"[{&quot;src&quot;:&quot;https:\\\/\\\/www.garciafaura.com\\\/wp-content\\\/uploads\\\/2019\\\/03\\\/Promocio-Sant-Feliu-Fase-V-01-1.jpg&quot;,&quot;title&quot;:&quot;Tancaments en promoci\\u00f3 residencial a Sant Feliu de Llobregat.&quot;},{&quot;src&quot;:&quot;https:\\\/\\\/www.garciafaura.com\\\/wp-content\\\/uploads\\\/2019\\\/03\\\/Promocio-Sant-Feliu-Fase-V-02-1.jpg&quot;,&quot;title&quot;:&quot;Tancaments en promoci\\u00f3 residencial a Sant Feliu de Llobregat&quot;},{&quot;src&quot;:&quot;https:\\\/\\\/www.garciafaura.com\\\/wp-content\\\/uploads\\\/2019\\\/03\\\/Promocio-Sant-Feliu-Fase-V-03-1.jpg&quot;,&quot;title&quot;:&quot;Tancaments en promoci\\u00f3 residencial a Sant Feliu de Llobregat&quot;},{&quot;src&quot;:&quot;https:\\\/\\\/www.garciafaura.com\\\/wp-content\\\/uploads\\\/2019\\\/03\\\/Promocio-Sant-Feliu-Fase-V-04-1.jpg&quot;,&quot;title&quot;:&quot;Tancaments en promoci\\u00f3 residencial a Sant Feliu de Llobregat&quot;},{&quot;src&quot;:&quot;https:\\\/\\\/www.garciafaura.com\\\/wp-content\\\/uploads\\\/2019\\\/03\\\/Promocio-Sant-Feliu-Fase-V-05-1.jpg&quot;,&quot;title&quot;:&quot;Tancaments en promoci\\u00f3 residencial a Sant Feliu de Llobregat&quot;},{&quot;src&quot;:&quot;https:\\\/\\\/www.garciafaura.com\\\/wp-content\\\/uploads\\\/2019\\\/03\\\/Promocio-Sant-Feliu-Fase-V-06-1.jpg&quot;,&quot;title&quot;:&quot;Tancaments en promoci\\u00f3 residencial a Sant Feliu de Llobregat&quot;},{&quot;src&quot;:&quot;https:\\\/\\\/www.garciafaura.com\\\/wp-content\\\/uploads\\\/2019\\\/03\\\/Promocio-Sant-Feliu-Fase-V-07-1.jpg&quot;,&quot;title&quot;:&quot;Tancaments en promoci\\u00f3 residencial a Sant Feliu de Llobregat&quot;},{&quot;src&quot;:&quot;https:\\\/\\\/www.garciafaura.com\\\/wp-content\\\/uploads\\\/2019\\\/03\\\/Promocio-Sant-Feliu-Fase-V-08-1.jpg&quot;,&quot;title&quot;:&quot;Tancaments en promoci\\u00f3 residencial a Sant Feliu de Llobregat&quot;},{&quot;src&quot;:&quot;https:\\\/\\\/www.garciafaura.com\\\/wp-content\\\/uploads\\\/2019\\\/03\\\/Promocio-Sant-Feliu-Fase-V-09-1.jpg&quot;,&quot;title&quot;:&quot;Tancaments en promoci\\u00f3 residencial a Sant Feliu de Llobregat&quot;},{&quot;src&quot;:&quot;https:\\\/\\\/www.garciafaura.com\\\/wp-content\\\/uploads\\\/2019\\\/03\\\/Promocio-Sant-Feliu-Fase-V-10-1.jpg&quot;}]\"><img loading=\"lazy\" decoding=\"async\" data-no-lazy=\"1\" class=\"portfolio-entry-img skip-lazy\" src=\"https:\/\/www.garciafaura.com\/wp-content\/uploads\/2019\/03\/Promocio-Sant-Feliu-Fase-V-01-1-600x314.jpg\" alt=\"Tancaments En Promoci\u00f3 Residencial A Sant Feliu De Llobregat.\" data-no-retina width=\"600\" height=\"314\" \/><\/a><\/div><div class=\"portfolio-entry-details entry-details wpex-clr\"><h2 class=\"portfolio-entry-title entry-title\"><a href=\"https:\/\/www.garciafaura.com\/es\/portfolio-item\/promocion-sant-feliu-fase-v\/\" title=\"Promoci\u00f3n Sant Feliu fase V\">Promoci\u00f3n Sant Feliu fase V<\/a><\/h2><div class=\"portfolio-entry-categories entry-categories wpex-clr\"><a href=\"https:\/\/www.garciafaura.com\/es\/portfolio-category\/conjuntos-residenciales\/\" class=\"term-46\">Conjuntos residenciales<\/a><\/div><\/div><\/div><\/div><div class=\"portfolio-entry vcex-grid-item entry-has-details span_1_of_3 col col-1 vcex-isotope-entry vcex-no-margin-entry post-17496 entry type-portfolio has-media cat-46 translation_priority-6\"><div class=\"portfolio-entry-inner entry-inner wpex-clr\"><div class=\"portfolio-entry-media entry-media wpex-clr\"><a href=\"https:\/\/www.garciafaura.com\/wp-content\/uploads\/2019\/01\/IMG_9184.jpg\" title=\"Promoci\u00f3n Sant Feliu de Llobregat\" class=\"portfolio-entry-media-link wpex-lightbox-gallery\" data-gallery=\"[{&quot;src&quot;:&quot;https:\\\/\\\/www.garciafaura.com\\\/wp-content\\\/uploads\\\/2019\\\/01\\\/IMG_9184.jpg&quot;,&quot;title&quot;:&quot;Cerramientos de aluminio y vidrio para edificio residencial en Sant Feliu de Llobregat.&quot;},{&quot;src&quot;:&quot;https:\\\/\\\/www.garciafaura.com\\\/wp-content\\\/uploads\\\/2019\\\/01\\\/IMG_9187.jpg&quot;,&quot;title&quot;:&quot;Cerramientos de aluminio y vidrio para edificio residencial en Sant Feliu de Llobregat.&quot;},{&quot;src&quot;:&quot;https:\\\/\\\/www.garciafaura.com\\\/wp-content\\\/uploads\\\/2019\\\/01\\\/IMG_9186.jpg&quot;,&quot;title&quot;:&quot;Cerramientos de aluminio y vidrio para edificio residencial en Sant Feliu de Llobregat.&quot;},{&quot;src&quot;:&quot;https:\\\/\\\/www.garciafaura.com\\\/wp-content\\\/uploads\\\/2019\\\/01\\\/IMG_9185.jpg&quot;,&quot;title&quot;:&quot;Cerramientos de aluminio y vidrio para edificio residencial en Sant Feliu de Llobregat.&quot;},{&quot;src&quot;:&quot;https:\\\/\\\/www.garciafaura.com\\\/wp-content\\\/uploads\\\/2019\\\/01\\\/IMG_9178.jpg&quot;,&quot;title&quot;:&quot;Cerramientos de aluminio y vidrio para edificio residencial en Sant Feliu de Llobregat.&quot;},{&quot;src&quot;:&quot;https:\\\/\\\/www.garciafaura.com\\\/wp-content\\\/uploads\\\/2019\\\/01\\\/IMG_9176.jpg&quot;,&quot;title&quot;:&quot;Cerramientos de aluminio y vidrio para edificio residencial en Sant Feliu de Llobregat.&quot;},{&quot;src&quot;:&quot;https:\\\/\\\/www.garciafaura.com\\\/wp-content\\\/uploads\\\/2019\\\/01\\\/IMG_9175.jpg&quot;,&quot;title&quot;:&quot;Cerramientos de aluminio y vidrio para edificio residencial en Sant Feliu de Llobregat.&quot;},{&quot;src&quot;:&quot;https:\\\/\\\/www.garciafaura.com\\\/wp-content\\\/uploads\\\/2019\\\/01\\\/IMG_9171.jpg&quot;,&quot;title&quot;:&quot;Cerramientos de aluminio y vidrio para edificio residencial en Sant Feliu de Llobregat.&quot;}]\"><img loading=\"lazy\" decoding=\"async\" data-no-lazy=\"1\" class=\"portfolio-entry-img skip-lazy\" src=\"https:\/\/www.garciafaura.com\/wp-content\/uploads\/2019\/01\/IMG_9184-600x314.jpg\" alt=\"Cerramientos De Aluminio Y Vidrio Para Edificio Residencial En Sant Feliu De Llobregat.\" data-no-retina width=\"600\" height=\"314\" \/><\/a><\/div><div class=\"portfolio-entry-details entry-details wpex-clr\"><h2 class=\"portfolio-entry-title entry-title\"><a href=\"https:\/\/www.garciafaura.com\/es\/portfolio-item\/promocion-sant-feliu-de-llobregat\/\" title=\"Promoci\u00f3n Sant Feliu de Llobregat\">Promoci\u00f3n Sant Feliu de Llobregat<\/a><\/h2><div class=\"portfolio-entry-categories entry-categories wpex-clr\"><a href=\"https:\/\/www.garciafaura.com\/es\/portfolio-category\/conjuntos-residenciales\/\" class=\"term-46\">Conjuntos residenciales<\/a><\/div><\/div><\/div><\/div><\/div><\/div>[\/vc_column][\/vc_row]\n<\/div>","protected":false},"excerpt":{"rendered":"<p>[vc_row full_width=\u00bbstretch_row\u00bb wpex_bg_overlay=\u00bbcolor\u00bb wpex_bg_overlay_color=\u00bb#d9d9d9&#8243; wpex_bg_overlay_opacity=\u00bb0.85&#8243;][vc_column][vc_column_text]Comodidad y bienestar al servicio del uso residencial. Cerramientos de aluminio y vidrio con altas prestaciones t\u00e9rmicas y ac\u00fasticas, dise\u00f1ados para convertir su vivienda en un hogar. GARCIA FAURA tiene una experiencia de d\u00e9cadas en el&hellip;<\/p>\n","protected":false},"author":3,"featured_media":0,"parent":0,"menu_order":0,"comment_status":"closed","ping_status":"closed","template":"","meta":{"footnotes":""},"class_list":["post-17211","page","type-page","status-publish","hentry","entry","no-media"],"yoast_head":"<!-- This site is optimized with the Yoast SEO plugin v26.7 - https:\/\/yoast.com\/wordpress\/plugins\/seo\/ -->\n<title>Complejos residenciales ejecutados por GARCIA FAURA - GARCIA FAURA<\/title>\n<meta name=\"description\" content=\"Arquitectura en Alumini, Inox, Ferro i Vidre\" \/>\n<meta name=\"robots\" content=\"index, follow, max-snippet:-1, max-image-preview:large, max-video-preview:-1\" \/>\n<link rel=\"canonical\" href=\"https:\/\/www.garciafaura.com\/es\/complejos-residenciales-ejecutados-por-garcia-faura\/\" \/>\n<meta property=\"og:locale\" content=\"es_ES\" \/>\n<meta property=\"og:type\" content=\"article\" \/>\n<meta property=\"og:title\" content=\"Complejos residenciales ejecutados por GARCIA FAURA - GARCIA FAURA\" \/>\n<meta property=\"og:description\" content=\"Arquitectura en Alumini, Inox, Ferro i Vidre\" \/>\n<meta property=\"og:url\" content=\"https:\/\/www.garciafaura.com\/es\/complejos-residenciales-ejecutados-por-garcia-faura\/\" \/>\n<meta property=\"og:site_name\" content=\"GARCIA FAURA\" \/>\n<meta property=\"article:modified_time\" content=\"2021-08-02T10:15:43+00:00\" \/>\n<meta name=\"twitter:card\" content=\"summary_large_image\" \/>\n<meta name=\"twitter:label1\" content=\"Tiempo de lectura\" \/>\n\t<meta name=\"twitter:data1\" content=\"1 minuto\" \/>\n<script type=\"application\/ld+json\" class=\"yoast-schema-graph\">{\"@context\":\"https:\/\/schema.org\",\"@graph\":[{\"@type\":\"WebPage\",\"@id\":\"https:\/\/www.garciafaura.com\/es\/complejos-residenciales-ejecutados-por-garcia-faura\/\",\"url\":\"https:\/\/www.garciafaura.com\/es\/complejos-residenciales-ejecutados-por-garcia-faura\/\",\"name\":\"Complejos residenciales ejecutados por GARCIA FAURA - GARCIA FAURA\",\"isPartOf\":{\"@id\":\"https:\/\/www.garciafaura.com\/fr\/#website\"},\"datePublished\":\"2019-02-21T18:00:39+00:00\",\"dateModified\":\"2021-08-02T10:15:43+00:00\",\"description\":\"Arquitectura en Alumini, Inox, Ferro i Vidre\",\"breadcrumb\":{\"@id\":\"https:\/\/www.garciafaura.com\/es\/complejos-residenciales-ejecutados-por-garcia-faura\/#breadcrumb\"},\"inLanguage\":\"es\",\"potentialAction\":[{\"@type\":\"ReadAction\",\"target\":[\"https:\/\/www.garciafaura.com\/es\/complejos-residenciales-ejecutados-por-garcia-faura\/\"]}]},{\"@type\":\"BreadcrumbList\",\"@id\":\"https:\/\/www.garciafaura.com\/es\/complejos-residenciales-ejecutados-por-garcia-faura\/#breadcrumb\",\"itemListElement\":[{\"@type\":\"ListItem\",\"position\":1,\"name\":\"Inici\",\"item\":\"https:\/\/www.garciafaura.com\/es\/\"},{\"@type\":\"ListItem\",\"position\":2,\"name\":\"Complejos residenciales ejecutados por GARCIA FAURA\"}]},{\"@type\":\"WebSite\",\"@id\":\"https:\/\/www.garciafaura.com\/fr\/#website\",\"url\":\"https:\/\/www.garciafaura.com\/fr\/\",\"name\":\"GARCIA FAURA\",\"description\":\"Arquitectura en Alumini, Inox, Ferro i Vidre\",\"publisher\":{\"@id\":\"https:\/\/www.garciafaura.com\/fr\/#organization\"},\"potentialAction\":[{\"@type\":\"SearchAction\",\"target\":{\"@type\":\"EntryPoint\",\"urlTemplate\":\"https:\/\/www.garciafaura.com\/fr\/?s={search_term_string}\"},\"query-input\":{\"@type\":\"PropertyValueSpecification\",\"valueRequired\":true,\"valueName\":\"search_term_string\"}}],\"inLanguage\":\"es\"},{\"@type\":\"Organization\",\"@id\":\"https:\/\/www.garciafaura.com\/fr\/#organization\",\"name\":\"GARCIA FAURA\",\"url\":\"https:\/\/www.garciafaura.com\/fr\/\",\"logo\":{\"@type\":\"ImageObject\",\"inLanguage\":\"es\",\"@id\":\"https:\/\/www.garciafaura.com\/fr\/#\/schema\/logo\/image\/\",\"url\":\"https:\/\/www.garciafaura.com\/wp-content\/uploads\/2018\/09\/Garcia-Faura.png\",\"contentUrl\":\"https:\/\/www.garciafaura.com\/wp-content\/uploads\/2018\/09\/Garcia-Faura.png\",\"width\":512,\"height\":512,\"caption\":\"GARCIA FAURA\"},\"image\":{\"@id\":\"https:\/\/www.garciafaura.com\/fr\/#\/schema\/logo\/image\/\"},\"sameAs\":[\"https:\/\/www.youtube.com\/user\/GARCIAFAURA\"]}]}<\/script>\n<!-- \/ Yoast SEO plugin. -->","yoast_head_json":{"title":"Complejos residenciales ejecutados por GARCIA FAURA - GARCIA FAURA","description":"Arquitectura en Alumini, Inox, Ferro i Vidre","robots":{"index":"index","follow":"follow","max-snippet":"max-snippet:-1","max-image-preview":"max-image-preview:large","max-video-preview":"max-video-preview:-1"},"canonical":"https:\/\/www.garciafaura.com\/es\/complejos-residenciales-ejecutados-por-garcia-faura\/","og_locale":"es_ES","og_type":"article","og_title":"Complejos residenciales ejecutados por GARCIA FAURA - GARCIA FAURA","og_description":"Arquitectura en Alumini, Inox, Ferro i Vidre","og_url":"https:\/\/www.garciafaura.com\/es\/complejos-residenciales-ejecutados-por-garcia-faura\/","og_site_name":"GARCIA FAURA","article_modified_time":"2021-08-02T10:15:43+00:00","twitter_card":"summary_large_image","twitter_misc":{"Tiempo de lectura":"1 minuto"},"schema":{"@context":"https:\/\/schema.org","@graph":[{"@type":"WebPage","@id":"https:\/\/www.garciafaura.com\/es\/complejos-residenciales-ejecutados-por-garcia-faura\/","url":"https:\/\/www.garciafaura.com\/es\/complejos-residenciales-ejecutados-por-garcia-faura\/","name":"Complejos residenciales ejecutados por GARCIA FAURA - GARCIA FAURA","isPartOf":{"@id":"https:\/\/www.garciafaura.com\/fr\/#website"},"datePublished":"2019-02-21T18:00:39+00:00","dateModified":"2021-08-02T10:15:43+00:00","description":"Arquitectura en Alumini, Inox, Ferro i Vidre","breadcrumb":{"@id":"https:\/\/www.garciafaura.com\/es\/complejos-residenciales-ejecutados-por-garcia-faura\/#breadcrumb"},"inLanguage":"es","potentialAction":[{"@type":"ReadAction","target":["https:\/\/www.garciafaura.com\/es\/complejos-residenciales-ejecutados-por-garcia-faura\/"]}]},{"@type":"BreadcrumbList","@id":"https:\/\/www.garciafaura.com\/es\/complejos-residenciales-ejecutados-por-garcia-faura\/#breadcrumb","itemListElement":[{"@type":"ListItem","position":1,"name":"Inici","item":"https:\/\/www.garciafaura.com\/es\/"},{"@type":"ListItem","position":2,"name":"Complejos residenciales ejecutados por GARCIA FAURA"}]},{"@type":"WebSite","@id":"https:\/\/www.garciafaura.com\/fr\/#website","url":"https:\/\/www.garciafaura.com\/fr\/","name":"GARCIA FAURA","description":"Arquitectura en Alumini, Inox, Ferro i Vidre","publisher":{"@id":"https:\/\/www.garciafaura.com\/fr\/#organization"},"potentialAction":[{"@type":"SearchAction","target":{"@type":"EntryPoint","urlTemplate":"https:\/\/www.garciafaura.com\/fr\/?s={search_term_string}"},"query-input":{"@type":"PropertyValueSpecification","valueRequired":true,"valueName":"search_term_string"}}],"inLanguage":"es"},{"@type":"Organization","@id":"https:\/\/www.garciafaura.com\/fr\/#organization","name":"GARCIA FAURA","url":"https:\/\/www.garciafaura.com\/fr\/","logo":{"@type":"ImageObject","inLanguage":"es","@id":"https:\/\/www.garciafaura.com\/fr\/#\/schema\/logo\/image\/","url":"https:\/\/www.garciafaura.com\/wp-content\/uploads\/2018\/09\/Garcia-Faura.png","contentUrl":"https:\/\/www.garciafaura.com\/wp-content\/uploads\/2018\/09\/Garcia-Faura.png","width":512,"height":512,"caption":"GARCIA FAURA"},"image":{"@id":"https:\/\/www.garciafaura.com\/fr\/#\/schema\/logo\/image\/"},"sameAs":["https:\/\/www.youtube.com\/user\/GARCIAFAURA"]}]}},"_links":{"self":[{"href":"https:\/\/www.garciafaura.com\/es\/wp-json\/wp\/v2\/pages\/17211","targetHints":{"allow":["GET"]}}],"collection":[{"href":"https:\/\/www.garciafaura.com\/es\/wp-json\/wp\/v2\/pages"}],"about":[{"href":"https:\/\/www.garciafaura.com\/es\/wp-json\/wp\/v2\/types\/page"}],"author":[{"embeddable":true,"href":"https:\/\/www.garciafaura.com\/es\/wp-json\/wp\/v2\/users\/3"}],"replies":[{"embeddable":true,"href":"https:\/\/www.garciafaura.com\/es\/wp-json\/wp\/v2\/comments?post=17211"}],"version-history":[{"count":8,"href":"https:\/\/www.garciafaura.com\/es\/wp-json\/wp\/v2\/pages\/17211\/revisions"}],"predecessor-version":[{"id":27876,"href":"https:\/\/www.garciafaura.com\/es\/wp-json\/wp\/v2\/pages\/17211\/revisions\/27876"}],"wp:attachment":[{"href":"https:\/\/www.garciafaura.com\/es\/wp-json\/wp\/v2\/media?parent=17211"}],"curies":[{"name":"wp","href":"https:\/\/api.w.org\/{rel}","templated":true}]}}