{"id":20855,"date":"2019-05-30T19:53:24","date_gmt":"2019-05-30T19:53:24","guid":{"rendered":"https:\/\/www.garciafaura.com\/contact\/"},"modified":"2024-10-03T13:03:01","modified_gmt":"2024-10-03T11:03:01","slug":"contact","status":"publish","type":"page","link":"https:\/\/www.garciafaura.com\/en\/contact\/","title":{"rendered":"Contact"},"content":{"rendered":"<div class=\"wpb-content-wrapper\">[vc_row full_width=&#8221;stretch_row_content_no_spaces&#8221; min_height=&#8221;360px&#8221;][vc_column][vc_single_image image=&#8221;16652&#8243;][\/vc_column][\/vc_row][vc_row][vc_column width=&#8221;1\/2&#8243;]<div class=\"vcex-module vcex-heading vcex-heading-bottom-border-w-color\"><span class=\"vcex-heading-inner clr\" style=\"border-color:#d7515e;\">Headquarters GARCIA FAURA<\/span><\/div><div class=\"vcex-spacing\" style=\"height:30px\"><\/div>[vc_column_text]<span style=\"font-family: 'Open Sans'; font-size: 18px;\">CARRER RAURELL, 37. POL\u00cdGON CAM\u00cd RAL.<\/span><br \/>\n<span style=\"font-family: 'Open Sans'; font-size: 18px;\">08850 GAV\u00c0 (BARCELONA). SPAIN<\/span><br \/>\n<span style=\"font-family: 'Open Sans'; font-size: 18px;\">T. +34 93 662 14 41<\/span>[\/vc_column_text]<div class=\"vcex-spacing\" style=\"height:30px\"><\/div><div class=\"textcenter theme-button-expanded-wrap theme-button-wrap clr\"><a href=\"mailto:info@garciafaura.com\" title=\"Contacta amb Garcia Faura\" class=\"vcex-button theme-button large align-center expanded animate-on-hover expanded\" target=\"_blank\" style=\"background:#d7515e;\"><span class=\"theme-button-inner\">Contact<\/span><\/a><\/div> <div class=\"vcex-spacing\" style=\"height:30px\"><\/div>[vc_gmaps link=&#8221;#E-8_JTNDaWZyYW1lJTIwc3JjJTNEJTIyaHR0cHMlM0ElMkYlMkZ3d3cuZ29vZ2xlLmNvbSUyRm1hcHMlMkZlbWJlZCUzRnBiJTNEJTIxMW0xOCUyMTFtMTIlMjExbTMlMjExZDExOTkxLjYwMjYzMjE4Njc4JTIxMmQxLjk4NDYwNTk4MjY3MDM0NzclMjEzZDQxLjI4OTI2NjQ4MTk5OTE0JTIxMm0zJTIxMWYwJTIxMmYwJTIxM2YwJTIxM20yJTIxMWkxMDI0JTIxMmk3NjglMjE0ZjEzLjElMjEzbTMlMjExbTIlMjExczB4MTJhNDlkMzE1MzNmMmNlZCUyNTNBMHg4ZjAyYTIwOGExMWUyMWIxJTIxMnNHQVJDSUElMkJGQVVSQSUyMTVlMCUyMTNtMiUyMTFzY2ElMjEyc2VzJTIxNHYxNTQ0NjMyMjE2MTk2JTIyJTIwd2lkdGglM0QlMjI2MDAlMjIlMjBoZWlnaHQlM0QlMjIzNTAlMjIlMjBmcmFtZWJvcmRlciUzRCUyMjAlMjIlMjBzdHlsZSUzRCUyMmJvcmRlciUzQTAlMjIlMjBhbGxvd2Z1bGxzY3JlZW4lM0UlM0MlMkZpZnJhbWUlM0U=&#8221; size=&#8221;300px&#8221;][\/vc_column][vc_column width=&#8221;1\/2&#8243;]<div class=\"vcex-module vcex-heading vcex-heading-bottom-border-w-color\"><span class=\"vcex-heading-inner clr\" style=\"border-color:#d7515e;\">Steel production factory<\/span><\/div><div class=\"vcex-spacing\" style=\"height:30px\"><\/div>[vc_column_text]<span style=\"font-family: 'Open Sans'; font-size: 18px;\">CARRER ISAAC PERAL, 7. POL\u00cdGON CAM\u00cd RAL.<\/span><br \/>\n<span style=\"font-family: 'Open Sans'; font-size: 18px;\">08850 GAV\u00c0 (BARCELONA). SPAIN<\/span><br \/>\n<span style=\"font-family: 'Open Sans'; font-size: 18px; color: #ffffff;\">T<\/span>[\/vc_column_text]<div class=\"vcex-spacing\" style=\"height:30px\"><\/div><div class=\"textcenter theme-button-expanded-wrap theme-button-wrap clr\"><a href=\"mailto:info@garciafaura.com\" title=\"Contacta amb Garcia Faura\" class=\"vcex-button theme-button large align-center expanded animate-on-hover expanded\" target=\"_blank\" style=\"background:#d7515e;\"><span class=\"theme-button-inner\">Contact<\/span><\/a><\/div> <div class=\"vcex-spacing\" style=\"height:30px\"><\/div>[vc_gmaps link=&#8221;#E-8_JTNDaWZyYW1lJTIwc3JjJTNEJTIyaHR0cHMlM0ElMkYlMkZ3d3cuZ29vZ2xlLmNvbSUyRm1hcHMlMkZlbWJlZCUzRnBiJTNEJTIxMW0xOCUyMTFtMTIlMjExbTMlMjExZDExOTkyLjA0NjU5NTk5ODQ3JTIxMmQxLjk5Njk5NzIyMTI4ODU3JTIxM2Q0MS4yODY4NTA5MzcxMjM0NyUyMTJtMyUyMTFmMCUyMTJmMCUyMTNmMCUyMTNtMiUyMTFpMTAyNCUyMTJpNzY4JTIxNGYxMy4xJTIxM20zJTIxMW0yJTIxMXMweDEyYTQ5ZDZlNzcxZTZjZTElMjUzQTB4YmJlZDQ1NTg5NzJjOGQ2MyUyMTJzR0FSQ0lBJTJCRkFVUkElMkJGZXJybyUyQmklMkJhY2VyJTIxNWUwJTIxM20yJTIxMXNjYSUyMTJzZXMlMjE0djE1NTk1MDY4MTc0MDIlMjE1bTIlMjExc2NhJTIxMnNlcyUyMiUyMHdpZHRoJTNEJTIyNjAwJTIyJTIwaGVpZ2h0JTNEJTIyMzUwJTIyJTIwZnJhbWVib3JkZXIlM0QlMjIwJTIyJTIwc3R5bGUlM0QlMjJib3JkZXIlM0EwJTIyJTIwYWxsb3dmdWxsc2NyZWVuJTNFJTNDJTJGaWZyYW1lJTNF&#8221; size=&#8221;300px&#8221;][\/vc_column][\/vc_row][vc_row][vc_column width=&#8221;1\/3&#8243;]<div class=\"vcex-module vcex-heading vcex-heading-bottom-border-w-color\"><span class=\"vcex-heading-inner clr\" style=\"border-color:#d7515e;\">Sales branch in Madrid<\/span><\/div><div class=\"vcex-spacing\" style=\"height:30px\"><\/div>[vc_column_text css=&#8221;&#8221;]<span style=\"font-family: 'Open Sans'; font-size: 18px;\">APARTADO DE CORREOS 14697. <\/span><span style=\"font-family: 'Open Sans'; font-size: 18px;\">28080 MADRID. SPAIN<\/span><br \/>\n<span style=\"font-family: 'Open Sans'; font-size: 18px;\">T. +34 610 759 929<\/span>[\/vc_column_text]<div class=\"vcex-spacing\" style=\"height:30px\"><\/div><div class=\"textcenter theme-button-expanded-wrap theme-button-wrap clr\"><a href=\"mailto:info@garciafaura.com\" title=\"Contacta amb Garcia Faura\" class=\"vcex-button theme-button large align-center expanded animate-on-hover expanded\" target=\"_blank\" style=\"background:#d7515e;\"><span class=\"theme-button-inner\">Contact<\/span><\/a><\/div> <div class=\"vcex-spacing\" style=\"height:30px\"><\/div>[vc_gmaps link=&#8221;#E-8_JTNDaWZyYW1lJTIwc3JjJTNEJTIyaHR0cHMlM0ElMkYlMkZ3d3cuZ29vZ2xlLmNvbSUyRm1hcHMlMkZlbWJlZCUzRnBiJTNEJTIxMW0xOCUyMTFtMTIlMjExbTMlMjExZDI0MzAwLjU1Njg2NTEwMjAxJTIxMmQtMy43MjMwNTMzMzM3Mzg0NDYlMjEzZDQwLjQxODM4NDM4NTgyNDQ5JTIxMm0zJTIxMWYwJTIxMmYwJTIxM2YwJTIxM20yJTIxMWkxMDI0JTIxMmk3NjglMjE0ZjEzLjElMjEzbTMlMjExbTIlMjExczB4ZDQyMjk5NzgwMGEzYzgxJTI1M0EweGM0MzZkZWMxNjE4YzIyNjklMjEyc01hZHJpZCUyMTVlMCUyMTNtMiUyMTFzY2ElMjEyc2VzJTIxNHYxNTU3OTQ2MTQ4Mzk4JTIxNW0yJTIxMXNjYSUyMTJzZXMlMjIlMjB3aWR0aCUzRCUyMjYwMCUyMiUyMGhlaWdodCUzRCUyMjQ1MCUyMiUyMGZyYW1lYm9yZGVyJTNEJTIyMCUyMiUyMHN0eWxlJTNEJTIyYm9yZGVyJTNBMCUyMiUyMGFsbG93ZnVsbHNjcmVlbiUzRSUzQyUyRmlmcmFtZSUzRQ==&#8221; size=&#8221;300px&#8221;][\/vc_column][vc_column width=&#8221;1\/3&#8243;]<div class=\"vcex-module vcex-heading vcex-heading-bottom-border-w-color\"><span class=\"vcex-heading-inner clr\" style=\"border-color:#d7515e;\">Sales branch in France<\/span><\/div><div class=\"vcex-spacing\" style=\"height:30px\"><\/div>[vc_column_text]<span style=\"font-family: 'Open Sans'; font-size: 18px;\">22 RUE DE LA F\u00c9D\u00c9RATION<\/span><br \/>\n<span style=\"font-family: 'Open Sans'; font-size: 18px;\">75008 PARIS. FRANCE<\/span><br \/>\n<span style=\"font-family: 'Open Sans'; font-size: 18px; color: #ffffff;\">T<\/span>[\/vc_column_text]<div class=\"vcex-spacing\" style=\"height:30px\"><\/div><div class=\"textcenter theme-button-expanded-wrap theme-button-wrap clr\"><a href=\"mailto:france@garciafaura.com\" title=\"Contacta amb Garcia Faura\" class=\"vcex-button theme-button large align-center expanded animate-on-hover expanded\" target=\"_blank\" style=\"background:#d7515e;\"><span class=\"theme-button-inner\">Contact<\/span><\/a><\/div> <div class=\"vcex-spacing\" style=\"height:30px\"><\/div>[vc_gmaps link=&#8221;#E-8_JTNDaWZyYW1lJTIwc3JjJTNEJTIyaHR0cHMlM0ElMkYlMkZ3d3cuZ29vZ2xlLmNvbSUyRm1hcHMlMkZlbWJlZCUzRnBiJTNEJTIxMW0xOCUyMTFtMTIlMjExbTMlMjExZDIxMDAxLjY1NTE1NjU5OTg1MiUyMTJkMi4yNzM3MzUyOTg2MjE0NTYzJTIxM2Q0OC44NTQyNjUwMTQyNzc3OCUyMTJtMyUyMTFmMCUyMTJmMCUyMTNmMCUyMTNtMiUyMTFpMTAyNCUyMTJpNzY4JTIxNGYxMy4xJTIxM20zJTIxMW0yJTIxMXMweDQ3ZTY3MTY3NjI0NzBmOGIlMjUzQTB4ZWNlODNkMjg2N2E5YmYwMyUyMTJzR0FSQ0lBJTJCRkFVUkElMkJGUkFOQ0UlMjE1ZTAlMjEzbTIlMjExc2NhJTIxMnNlcyUyMTR2MTU0NTE1OTc0NjIzNiUyMiUyMHdpZHRoJTNEJTIyNjAwJTIyJTIwaGVpZ2h0JTNEJTIyNDUwJTIyJTIwZnJhbWVib3JkZXIlM0QlMjIwJTIyJTIwc3R5bGUlM0QlMjJib3JkZXIlM0EwJTIyJTIwYWxsb3dmdWxsc2NyZWVuJTNFJTNDJTJGaWZyYW1lJTNF&#8221; size=&#8221;300px&#8221;][\/vc_column][vc_column width=&#8221;1\/3&#8243;]<div class=\"vcex-module vcex-heading vcex-heading-bottom-border-w-color\"><span class=\"vcex-heading-inner clr\" style=\"border-color:#d7515e;\">Sales branch in Colombia<\/span><\/div><div class=\"vcex-spacing\" style=\"height:30px\"><\/div>[vc_column_text css=&#8221;&#8221;]<span style=\"font-family: 'Open Sans'; font-size: 18px;\">CARRERA 19 # 82 \u2013 85 OFICINA 603.<br \/>\nEDIFICIO COUNTRY OFFICE.<br \/>\n<\/span><span style=\"font-family: 'Open Sans'; font-size: 18px;\">BOGOT\u00c1 DC. COLOMBIA<\/span><br \/>\n<span style=\"font-family: 'Open Sans'; font-size: 18px;\">Whatsapp (57) 310 4945398<\/span>[\/vc_column_text]<div class=\"vcex-spacing\" style=\"height:30px\"><\/div><div class=\"textcenter theme-button-expanded-wrap theme-button-wrap clr\"><a href=\"mailto:colombia@garciafaura.com\" title=\"Contacta amb Garcia Faura\" class=\"vcex-button theme-button large align-center expanded animate-on-hover expanded\" target=\"_blank\" style=\"background:#d7515e;\"><span class=\"theme-button-inner\">Contact<\/span><\/a><\/div> <div class=\"vcex-spacing\" style=\"height:30px\"><\/div>[vc_gmaps link=&#8221;#E-8_JTNDaWZyYW1lJTIwc3JjJTNEJTIyaHR0cHMlM0ElMkYlMkZ3d3cuZ29vZ2xlLmNvbSUyRm1hcHMlMkZlbWJlZCUzRnBiJTNEJTIxMW0xOCUyMTFtMTIlMjExbTMlMjExZDM5NzYuNTc1MDc3NzkzNTMzNiUyMTJkLTc0LjA1ODM2NDY2ODI5NzI3JTIxM2Q0LjY2OTU4NjY0MTkwNTkzOSUyMTJtMyUyMTFmMCUyMTJmMCUyMTNmMCUyMTNtMiUyMTFpMTAyNCUyMTJpNzY4JTIxNGYxMy4xJTIxM20zJTIxMW0yJTIxMXMweDhlM2Y5YWY0M2JjYjQxYTElMjUzQTB4NWJlZjhhOGJiNWY1OTEzNCUyMTJzRWRpZmljaW8lMjUyMENvdW50cnklMjUyME9mZmljZSUyMTVlMCUyMTNtMiUyMTFzY2ElMjEyc2VzJTIxNHYxNzI3OTUzMjQ2MjE5JTIxNW0yJTIxMXNjYSUyMTJzZXMlMjIlMjB3aWR0aCUzRCUyMjYwMCUyMiUyMGhlaWdodCUzRCUyMjQ1MCUyMiUyMHN0eWxlJTNEJTIyYm9yZGVyJTNBMCUzQiUyMiUyMGFsbG93ZnVsbHNjcmVlbiUzRCUyMiUyMiUyMGxvYWRpbmclM0QlMjJsYXp5JTIyJTIwcmVmZXJyZXJwb2xpY3klM0QlMjJuby1yZWZlcnJlci13aGVuLWRvd25ncmFkZSUyMiUzRSUzQyUyRmlmcmFtZSUzRQ==&#8221; size=&#8221;300px&#8221; css=&#8221;&#8221;][\/vc_column][\/vc_row]\n<\/div>","protected":false},"excerpt":{"rendered":"<p>[vc_row full_width=&#8221;stretch_row_content_no_spaces&#8221; min_height=&#8221;360px&#8221;][vc_column][vc_single_image image=&#8221;16652&#8243;][\/vc_column][\/vc_row][vc_row][vc_column width=&#8221;1\/2&#8243;][vc_column_text]CARRER RAURELL, 37. POL\u00cdGON CAM\u00cd RAL. 08850 GAV\u00c0 (BARCELONA). SPAIN T. +34 93 662 14 41[\/vc_column_text][vc_gmaps link=&#8221;#E-8_JTNDaWZyYW1lJTIwc3JjJTNEJTIyaHR0cHMlM0ElMkYlMkZ3d3cuZ29vZ2xlLmNvbSUyRm1hcHMlMkZlbWJlZCUzRnBiJTNEJTIxMW0xOCUyMTFtMTIlMjExbTMlMjExZDExOTkxLjYwMjYzMjE4Njc4JTIxMmQxLjk4NDYwNTk4MjY3MDM0NzclMjEzZDQxLjI4OTI2NjQ4MTk5OTE0JTIxMm0zJTIxMWYwJTIxMmYwJTIxM2YwJTIxM20yJTIxMWkxMDI0JTIxMmk3NjglMjE0ZjEzLjElMjEzbTMlMjExbTIlMjExczB4MTJhNDlkMzE1MzNmMmNlZCUyNTNBMHg4ZjAyYTIwOGExMWUyMWIxJTIxMnNHQVJDSUElMkJGQVVSQSUyMTVlMCUyMTNtMiUyMTFzY2ElMjEyc2VzJTIxNHYxNTQ0NjMyMjE2MTk2JTIyJTIwd2lkdGglM0QlMjI2MDAlMjIlMjBoZWlnaHQlM0QlMjIzNTAlMjIlMjBmcmFtZWJvcmRlciUzRCUyMjAlMjIlMjBzdHlsZSUzRCUyMmJvcmRlciUzQTAlMjIlMjBhbGxvd2Z1bGxzY3JlZW4lM0UlM0MlMkZpZnJhbWUlM0U=&#8221; size=&#8221;300px&#8221;][\/vc_column][vc_column width=&#8221;1\/2&#8243;][vc_column_text]CARRER ISAAC PERAL, 7. POL\u00cdGON CAM\u00cd RAL. 08850 GAV\u00c0 (BARCELONA). SPAIN T[\/vc_column_text][vc_gmaps link=&#8221;#E-8_JTNDaWZyYW1lJTIwc3JjJTNEJTIyaHR0cHMlM0ElMkYlMkZ3d3cuZ29vZ2xlLmNvbSUyRm1hcHMlMkZlbWJlZCUzRnBiJTNEJTIxMW0xOCUyMTFtMTIlMjExbTMlMjExZDExOTkyLjA0NjU5NTk5ODQ3JTIxMmQxLjk5Njk5NzIyMTI4ODU3JTIxM2Q0MS4yODY4NTA5MzcxMjM0NyUyMTJtMyUyMTFmMCUyMTJmMCUyMTNmMCUyMTNtMiUyMTFpMTAyNCUyMTJpNzY4JTIxNGYxMy4xJTIxM20zJTIxMW0yJTIxMXMweDEyYTQ5ZDZlNzcxZTZjZTElMjUzQTB4YmJlZDQ1NTg5NzJjOGQ2MyUyMTJzR0FSQ0lBJTJCRkFVUkElMkJGZXJybyUyQmklMkJhY2VyJTIxNWUwJTIxM20yJTIxMXNjYSUyMTJzZXMlMjE0djE1NTk1MDY4MTc0MDIlMjE1bTIlMjExc2NhJTIxMnNlcyUyMiUyMHdpZHRoJTNEJTIyNjAwJTIyJTIwaGVpZ2h0JTNEJTIyMzUwJTIyJTIwZnJhbWVib3JkZXIlM0QlMjIwJTIyJTIwc3R5bGUlM0QlMjJib3JkZXIlM0EwJTIyJTIwYWxsb3dmdWxsc2NyZWVuJTNFJTNDJTJGaWZyYW1lJTNF&#8221; size=&#8221;300px&#8221;][\/vc_column][\/vc_row][vc_row][vc_column width=&#8221;1\/3&#8243;][vc_column_text css=&#8221;&#8221;]APARTADO DE CORREOS&hellip;<\/p>\n","protected":false},"author":3,"featured_media":0,"parent":0,"menu_order":0,"comment_status":"closed","ping_status":"closed","template":"","meta":{"footnotes":""},"class_list":["post-20855","page","type-page","status-publish","hentry","entry","no-media"],"yoast_head":"<!-- This site is optimized with the Yoast SEO plugin v26.7 - https:\/\/yoast.com\/wordpress\/plugins\/seo\/ -->\n<title>Contact - GARCIA FAURA<\/title>\n<meta name=\"description\" content=\"Arquitectura en Alumini, Inox, Ferro i Vidre\" \/>\n<meta name=\"robots\" content=\"index, follow, max-snippet:-1, max-image-preview:large, max-video-preview:-1\" \/>\n<link rel=\"canonical\" href=\"https:\/\/www.garciafaura.com\/en\/contact\/\" \/>\n<meta property=\"og:locale\" content=\"en_US\" \/>\n<meta property=\"og:type\" content=\"article\" \/>\n<meta property=\"og:title\" content=\"Contact - GARCIA FAURA\" \/>\n<meta property=\"og:description\" content=\"Arquitectura en Alumini, Inox, Ferro i Vidre\" \/>\n<meta property=\"og:url\" content=\"https:\/\/www.garciafaura.com\/en\/contact\/\" \/>\n<meta property=\"og:site_name\" content=\"GARCIA FAURA\" \/>\n<meta property=\"article:modified_time\" content=\"2024-10-03T11:03:01+00:00\" \/>\n<meta name=\"twitter:card\" content=\"summary_large_image\" \/>\n<meta name=\"twitter:label1\" content=\"Est. reading time\" \/>\n\t<meta name=\"twitter:data1\" content=\"2 minutes\" \/>\n<script type=\"application\/ld+json\" class=\"yoast-schema-graph\">{\"@context\":\"https:\/\/schema.org\",\"@graph\":[{\"@type\":\"WebPage\",\"@id\":\"https:\/\/www.garciafaura.com\/en\/contact\/\",\"url\":\"https:\/\/www.garciafaura.com\/en\/contact\/\",\"name\":\"Contact - GARCIA FAURA\",\"isPartOf\":{\"@id\":\"https:\/\/www.garciafaura.com\/fr\/#website\"},\"datePublished\":\"2019-05-30T19:53:24+00:00\",\"dateModified\":\"2024-10-03T11:03:01+00:00\",\"description\":\"Arquitectura en Alumini, Inox, Ferro i Vidre\",\"breadcrumb\":{\"@id\":\"https:\/\/www.garciafaura.com\/en\/contact\/#breadcrumb\"},\"inLanguage\":\"en-US\",\"potentialAction\":[{\"@type\":\"ReadAction\",\"target\":[\"https:\/\/www.garciafaura.com\/en\/contact\/\"]}]},{\"@type\":\"BreadcrumbList\",\"@id\":\"https:\/\/www.garciafaura.com\/en\/contact\/#breadcrumb\",\"itemListElement\":[{\"@type\":\"ListItem\",\"position\":1,\"name\":\"Inici\",\"item\":\"https:\/\/www.garciafaura.com\/en\/\"},{\"@type\":\"ListItem\",\"position\":2,\"name\":\"Contact\"}]},{\"@type\":\"WebSite\",\"@id\":\"https:\/\/www.garciafaura.com\/fr\/#website\",\"url\":\"https:\/\/www.garciafaura.com\/fr\/\",\"name\":\"GARCIA FAURA\",\"description\":\"Arquitectura en Alumini, Inox, Ferro i Vidre\",\"publisher\":{\"@id\":\"https:\/\/www.garciafaura.com\/fr\/#organization\"},\"potentialAction\":[{\"@type\":\"SearchAction\",\"target\":{\"@type\":\"EntryPoint\",\"urlTemplate\":\"https:\/\/www.garciafaura.com\/fr\/?s={search_term_string}\"},\"query-input\":{\"@type\":\"PropertyValueSpecification\",\"valueRequired\":true,\"valueName\":\"search_term_string\"}}],\"inLanguage\":\"en-US\"},{\"@type\":\"Organization\",\"@id\":\"https:\/\/www.garciafaura.com\/fr\/#organization\",\"name\":\"GARCIA FAURA\",\"url\":\"https:\/\/www.garciafaura.com\/fr\/\",\"logo\":{\"@type\":\"ImageObject\",\"inLanguage\":\"en-US\",\"@id\":\"https:\/\/www.garciafaura.com\/fr\/#\/schema\/logo\/image\/\",\"url\":\"https:\/\/www.garciafaura.com\/wp-content\/uploads\/2018\/09\/Garcia-Faura.png\",\"contentUrl\":\"https:\/\/www.garciafaura.com\/wp-content\/uploads\/2018\/09\/Garcia-Faura.png\",\"width\":512,\"height\":512,\"caption\":\"GARCIA FAURA\"},\"image\":{\"@id\":\"https:\/\/www.garciafaura.com\/fr\/#\/schema\/logo\/image\/\"},\"sameAs\":[\"https:\/\/www.youtube.com\/user\/GARCIAFAURA\"]}]}<\/script>\n<!-- \/ Yoast SEO plugin. -->","yoast_head_json":{"title":"Contact - GARCIA FAURA","description":"Arquitectura en Alumini, Inox, Ferro i Vidre","robots":{"index":"index","follow":"follow","max-snippet":"max-snippet:-1","max-image-preview":"max-image-preview:large","max-video-preview":"max-video-preview:-1"},"canonical":"https:\/\/www.garciafaura.com\/en\/contact\/","og_locale":"en_US","og_type":"article","og_title":"Contact - GARCIA FAURA","og_description":"Arquitectura en Alumini, Inox, Ferro i Vidre","og_url":"https:\/\/www.garciafaura.com\/en\/contact\/","og_site_name":"GARCIA FAURA","article_modified_time":"2024-10-03T11:03:01+00:00","twitter_card":"summary_large_image","twitter_misc":{"Est. reading time":"2 minutes"},"schema":{"@context":"https:\/\/schema.org","@graph":[{"@type":"WebPage","@id":"https:\/\/www.garciafaura.com\/en\/contact\/","url":"https:\/\/www.garciafaura.com\/en\/contact\/","name":"Contact - GARCIA FAURA","isPartOf":{"@id":"https:\/\/www.garciafaura.com\/fr\/#website"},"datePublished":"2019-05-30T19:53:24+00:00","dateModified":"2024-10-03T11:03:01+00:00","description":"Arquitectura en Alumini, Inox, Ferro i Vidre","breadcrumb":{"@id":"https:\/\/www.garciafaura.com\/en\/contact\/#breadcrumb"},"inLanguage":"en-US","potentialAction":[{"@type":"ReadAction","target":["https:\/\/www.garciafaura.com\/en\/contact\/"]}]},{"@type":"BreadcrumbList","@id":"https:\/\/www.garciafaura.com\/en\/contact\/#breadcrumb","itemListElement":[{"@type":"ListItem","position":1,"name":"Inici","item":"https:\/\/www.garciafaura.com\/en\/"},{"@type":"ListItem","position":2,"name":"Contact"}]},{"@type":"WebSite","@id":"https:\/\/www.garciafaura.com\/fr\/#website","url":"https:\/\/www.garciafaura.com\/fr\/","name":"GARCIA FAURA","description":"Arquitectura en Alumini, Inox, Ferro i Vidre","publisher":{"@id":"https:\/\/www.garciafaura.com\/fr\/#organization"},"potentialAction":[{"@type":"SearchAction","target":{"@type":"EntryPoint","urlTemplate":"https:\/\/www.garciafaura.com\/fr\/?s={search_term_string}"},"query-input":{"@type":"PropertyValueSpecification","valueRequired":true,"valueName":"search_term_string"}}],"inLanguage":"en-US"},{"@type":"Organization","@id":"https:\/\/www.garciafaura.com\/fr\/#organization","name":"GARCIA FAURA","url":"https:\/\/www.garciafaura.com\/fr\/","logo":{"@type":"ImageObject","inLanguage":"en-US","@id":"https:\/\/www.garciafaura.com\/fr\/#\/schema\/logo\/image\/","url":"https:\/\/www.garciafaura.com\/wp-content\/uploads\/2018\/09\/Garcia-Faura.png","contentUrl":"https:\/\/www.garciafaura.com\/wp-content\/uploads\/2018\/09\/Garcia-Faura.png","width":512,"height":512,"caption":"GARCIA FAURA"},"image":{"@id":"https:\/\/www.garciafaura.com\/fr\/#\/schema\/logo\/image\/"},"sameAs":["https:\/\/www.youtube.com\/user\/GARCIAFAURA"]}]}},"_links":{"self":[{"href":"https:\/\/www.garciafaura.com\/en\/wp-json\/wp\/v2\/pages\/20855","targetHints":{"allow":["GET"]}}],"collection":[{"href":"https:\/\/www.garciafaura.com\/en\/wp-json\/wp\/v2\/pages"}],"about":[{"href":"https:\/\/www.garciafaura.com\/en\/wp-json\/wp\/v2\/types\/page"}],"author":[{"embeddable":true,"href":"https:\/\/www.garciafaura.com\/en\/wp-json\/wp\/v2\/users\/3"}],"replies":[{"embeddable":true,"href":"https:\/\/www.garciafaura.com\/en\/wp-json\/wp\/v2\/comments?post=20855"}],"version-history":[{"count":13,"href":"https:\/\/www.garciafaura.com\/en\/wp-json\/wp\/v2\/pages\/20855\/revisions"}],"predecessor-version":[{"id":37821,"href":"https:\/\/www.garciafaura.com\/en\/wp-json\/wp\/v2\/pages\/20855\/revisions\/37821"}],"wp:attachment":[{"href":"https:\/\/www.garciafaura.com\/en\/wp-json\/wp\/v2\/media?parent=20855"}],"curies":[{"name":"wp","href":"https:\/\/api.w.org\/{rel}","templated":true}]}}