{"id":20604,"date":"2019-05-27T11:18:03","date_gmt":"2019-05-27T11:18:03","guid":{"rendered":"https:\/\/www.garciafaura.com\/home\/"},"modified":"2026-03-03T17:14:09","modified_gmt":"2026-03-03T15:14:09","slug":"home","status":"publish","type":"page","link":"https:\/\/www.garciafaura.com\/en\/","title":{"rendered":"Home"},"content":{"rendered":"<div class=\"wpb-content-wrapper\">[vc_row full_width=&#8221;stretch_row_content&#8221; typography_style=&#8221;white&#8221; css=&#8221;.vc_custom_1543340787334{margin-right: 30px !important;background-color: #000000 !important;background-position: center !important;background-repeat: no-repeat !important;background-size: cover !important;}&#8221;][vc_column width=&#8221;1\/6&#8243; css=&#8221;.vc_custom_1543335477433{margin-left: 30px !important;}&#8221;]<div class=\"vcex-module vcex-teaser vcex-teaser-one vc_custom_1543344949047\"><div class=\"vcex-teaser-content clr\"><h1 class=\"vcex-teaser-heading\" style=\"font-weight:600;\">Facilities and Installations buildings<\/h1><div class=\"vcex-teaser-text clr\"><p style=\"text-align: left\"><span style=\"font-family: 'Open Sans'\">Public works and installations for civic use. Know-how and capabilities at the service of the construction industry.<\/span><\/p>\n<\/div><\/div><\/div><div class=\"vc_custom_1559480953912 wpex-clr\"><div class=\"textcenter theme-button-expanded-wrap theme-button-wrap clr\"><a href=\"https:\/\/www.garciafaura.com\/en\/facilities-buildings-completed-by-garcia-faura\/\" title=\"Facilities Buildings completed by GARCIA FAURA\" class=\"vcex-button theme-button minimal-border small align-center expanded animate-on-hover expanded\" data-wpex-hover='{&quot;background&quot;:&quot;#d7515e&quot;,&quot;color&quot;:&quot;#000000&quot;}'><span class=\"theme-button-inner\">+ GARCIA FAURA projects<\/span><\/a><\/div><\/div> [\/vc_column][vc_column width=&#8221;5\/6&#8243;]<div class=\"vcex-spacing\" style=\"height:30px\"><\/div><div class=\"vcex-module wpex-carousel wpex-carousel-portfolio clr owl-carousel arrwstyle-min arrwpos-center\" data-wpex-carousel=\"{&quot;nav&quot;:true,&quot;dots&quot;:false,&quot;autoplay&quot;:false,&quot;loop&quot;:true,&quot;center&quot;:true,&quot;smartSpeed&quot;:100,&quot;items&quot;:3,&quot;slideBy&quot;:3,&quot;autoplayTimeout&quot;:5000,&quot;margin&quot;:5,&quot;itemsTablet&quot;:3,&quot;itemsMobileLandscape&quot;:2,&quot;itemsMobilePortrait&quot;:1,&quot;autoWidth&quot;:false,&quot;autoHeight&quot;:false}\"><div class=\"wpex-carousel-slide\"><div class=\"wpex-carousel-entry-media clr overlay-parent overlay-parent-title-excerpt-hover overlay-ms overlay-h\"><a href=\"https:\/\/www.garciafaura.com\/en\/portfolio-item\/nou-edifici-de-serveis-rcp\/\" title=\"New RCP services building\" class=\"wpex-carousel-entry-img\"><img decoding=\"async\" data-no-lazy=\"1\" class=\"skip-lazy\" src=\"https:\/\/www.garciafaura.com\/wp-content\/uploads\/2023\/08\/Nou-edifici-de-serveis-Reial-Club-de-Polo-12-x.jpg\" alt='' data-no-retina \/>\n<div class=\"overlay-title-excerpt-hover overlay-hide theme-overlay textcenter\">\n\t<div class=\"overlay-table clr\">\n\t\t<div class=\"overlay-table-cell clr\">\n\t\t\t<div class=\"overlay-title\">New RCP services building<\/div>\n\t\t\t<div class=\"overlay-excerpt\"><p>Aluminium and glass enclosures and 320 square metres of curtain wall with aluminium profiles for&hellip;<\/p><\/div>\t\t<\/div>\n\t<\/div>\n<\/div><\/a><\/div><\/div><div class=\"wpex-carousel-slide\"><div class=\"wpex-carousel-entry-media clr overlay-parent overlay-parent-title-excerpt-hover overlay-ms overlay-h\"><a href=\"https:\/\/www.garciafaura.com\/en\/portfolio-item\/nova-seu-del-servei-demergencies-mediques\/\" title=\"New SEM HQ\" class=\"wpex-carousel-entry-img\"><img decoding=\"async\" data-no-lazy=\"1\" class=\"skip-lazy\" src=\"https:\/\/www.garciafaura.com\/wp-content\/uploads\/2023\/07\/Seu-SEM-Garcia-Faura-23-x.jpg\" alt='' data-no-retina \/>\n<div class=\"overlay-title-excerpt-hover overlay-hide theme-overlay textcenter\">\n\t<div class=\"overlay-table clr\">\n\t\t<div class=\"overlay-table-cell clr\">\n\t\t\t<div class=\"overlay-title\">New SEM HQ<\/div>\n\t\t\t<div class=\"overlay-excerpt\"><p>Development of a curtain wall and envelope, as well as an exterior sunshade made of&hellip;<\/p><\/div>\t\t<\/div>\n\t<\/div>\n<\/div><\/a><\/div><\/div><div class=\"wpex-carousel-slide\"><div class=\"wpex-carousel-entry-media clr overlay-parent overlay-parent-title-excerpt-hover overlay-ms overlay-h\"><a href=\"https:\/\/www.garciafaura.com\/en\/portfolio-item\/residencia-destudiants-valeo-22\/\" title=\"Student residence Valeo 22@\" class=\"wpex-carousel-entry-img\"><img decoding=\"async\" data-no-lazy=\"1\" class=\"skip-lazy\" src=\"https:\/\/www.garciafaura.com\/wp-content\/uploads\/2021\/10\/Residencia-Valeo-13-x.jpg\" alt='' data-no-retina \/>\n<div class=\"overlay-title-excerpt-hover overlay-hide theme-overlay textcenter\">\n\t<div class=\"overlay-table clr\">\n\t\t<div class=\"overlay-table-cell clr\">\n\t\t\t<div class=\"overlay-title\">Student residence Valeo 22@<\/div>\n\t\t\t<div class=\"overlay-excerpt\"><p>Manufacture and installation of 600 aluminum and glass enclosures for the newly built student residence&hellip;<\/p><\/div>\t\t<\/div>\n\t<\/div>\n<\/div><\/a><\/div><\/div><div class=\"wpex-carousel-slide\"><div class=\"wpex-carousel-entry-media clr overlay-parent overlay-parent-title-excerpt-hover overlay-ms overlay-h\"><a href=\"https:\/\/www.garciafaura.com\/en\/portfolio-item\/residencia-pallars-433\/\" title=\"Student&#8217;s residence Pallars 433\" class=\"wpex-carousel-entry-img\"><img decoding=\"async\" data-no-lazy=\"1\" class=\"skip-lazy\" src=\"https:\/\/www.garciafaura.com\/wp-content\/uploads\/2021\/08\/Residencia-Pallars-433-11-x.jpg\" alt='' data-no-retina \/>\n<div class=\"overlay-title-excerpt-hover overlay-hide theme-overlay textcenter\">\n\t<div class=\"overlay-table clr\">\n\t\t<div class=\"overlay-table-cell clr\">\n\t\t\t<div class=\"overlay-title\">Student&#8217;s residence Pallars 433<\/div>\n\t\t\t<div class=\"overlay-excerpt\"><p>Development, manufacture and installation of metal enclosures for the lower floors of the largest student&hellip;<\/p><\/div>\t\t<\/div>\n\t<\/div>\n<\/div><\/a><\/div><\/div><div class=\"wpex-carousel-slide\"><div class=\"wpex-carousel-entry-media clr overlay-parent overlay-parent-title-excerpt-hover overlay-ms overlay-h\"><a href=\"https:\/\/www.garciafaura.com\/en\/portfolio-item\/edifici-smart-bcn\/\" title=\"Smart BCN Building\" class=\"wpex-carousel-entry-img\"><img decoding=\"async\" data-no-lazy=\"1\" class=\"skip-lazy\" src=\"https:\/\/www.garciafaura.com\/wp-content\/uploads\/2021\/04\/Edifici-Smart-323-01-x.jpg\" alt='' data-no-retina \/>\n<div class=\"overlay-title-excerpt-hover overlay-hide theme-overlay textcenter\">\n\t<div class=\"overlay-table clr\">\n\t\t<div class=\"overlay-table-cell clr\">\n\t\t\t<div class=\"overlay-title\">Smart BCN Building<\/div>\n\t\t\t<div class=\"overlay-excerpt\"><p>Development, manufacture and installation of 8,900 square meters of curtain wall, 1,100 square meters of&hellip;<\/p><\/div>\t\t<\/div>\n\t<\/div>\n<\/div><\/a><\/div><\/div><div class=\"wpex-carousel-slide\"><div class=\"wpex-carousel-entry-media clr overlay-parent overlay-parent-title-excerpt-hover overlay-ms overlay-h\"><a href=\"https:\/\/www.garciafaura.com\/en\/portfolio-item\/office-and-hotel-complex-in-luxembourg\/\" title=\"Office and hotel complex in Luxembourg\" class=\"wpex-carousel-entry-img\"><img decoding=\"async\" data-no-lazy=\"1\" class=\"skip-lazy\" src=\"https:\/\/www.garciafaura.com\/wp-content\/uploads\/2021\/01\/OBH-Luxemburg-08-x.jpg\" alt='' data-no-retina \/>\n<div class=\"overlay-title-excerpt-hover overlay-hide theme-overlay textcenter\">\n\t<div class=\"overlay-table clr\">\n\t\t<div class=\"overlay-table-cell clr\">\n\t\t\t<div class=\"overlay-title\">Office and hotel complex in Luxembourg<\/div>\n\t\t\t<div class=\"overlay-excerpt\"><p>Work for an office and hotel complex in the prestigious Kirchberg district in Luxembourg<\/p><\/div>\t\t<\/div>\n\t<\/div>\n<\/div><\/a><\/div><\/div><div class=\"wpex-carousel-slide\"><div class=\"wpex-carousel-entry-media clr overlay-parent overlay-parent-title-excerpt-hover overlay-ms overlay-h\"><a href=\"https:\/\/www.garciafaura.com\/en\/portfolio-item\/podium-sports-complex\/\" title=\"P\u00f2dium sports complex\" class=\"wpex-carousel-entry-img\"><img decoding=\"async\" data-no-lazy=\"1\" class=\"skip-lazy\" src=\"https:\/\/www.garciafaura.com\/wp-content\/uploads\/2018\/10\/Po\u0300dium-Viladecans-06-x.jpg\" alt=\"Enclosures And Curtain Walls In The New Sports Complex In Viladecans\" data-no-retina \/>\n<div class=\"overlay-title-excerpt-hover overlay-hide theme-overlay textcenter\">\n\t<div class=\"overlay-table clr\">\n\t\t<div class=\"overlay-table-cell clr\">\n\t\t\t<div class=\"overlay-title\">P\u00f2dium sports complex<\/div>\n\t\t\t<div class=\"overlay-excerpt\"><p>Viladecans. Year of completion: 2015 Architect: Brullet - De Luna Project surface area: Enclosures: 2,000&hellip;<\/p><\/div>\t\t<\/div>\n\t<\/div>\n<\/div><\/a><\/div><\/div><div class=\"wpex-carousel-slide\"><div class=\"wpex-carousel-entry-media clr overlay-parent overlay-parent-title-excerpt-hover overlay-ms overlay-h\"><a href=\"https:\/\/www.garciafaura.com\/en\/portfolio-item\/lhospitalet-ronda-funeral-parlour\/\" title=\"L&#8217;Hospitalet Ronda funeral parlour\" class=\"wpex-carousel-entry-img\"><img decoding=\"async\" data-no-lazy=\"1\" class=\"skip-lazy\" src=\"https:\/\/www.garciafaura.com\/wp-content\/uploads\/2018\/10\/Tanatori-Hospitalet-Ronda-02-x.jpg\" alt=\"Aluminium Enclosures, Curtain Wall, Skylights And Screens In This New Installation.\" data-no-retina \/>\n<div class=\"overlay-title-excerpt-hover overlay-hide theme-overlay textcenter\">\n\t<div class=\"overlay-table clr\">\n\t\t<div class=\"overlay-table-cell clr\">\n\t\t\t<div class=\"overlay-title\">L&#8217;Hospitalet Ronda funeral parlour<\/div>\n\t\t\t<div class=\"overlay-excerpt\"><p>L'Hospitalet de Llobregat. Year of completion: 2015 Architect: Ribas &amp; Ribas Project surface area: Enclosures:&hellip;<\/p><\/div>\t\t<\/div>\n\t<\/div>\n<\/div><\/a><\/div><\/div><div class=\"wpex-carousel-slide\"><div class=\"wpex-carousel-entry-media clr overlay-parent overlay-parent-title-excerpt-hover overlay-ms overlay-h\"><a href=\"https:\/\/www.garciafaura.com\/en\/portfolio-item\/ub-law-faculty-extension\/\" title=\"UB Law Faculty extension\" class=\"wpex-carousel-entry-img\"><img decoding=\"async\" data-no-lazy=\"1\" class=\"skip-lazy\" src=\"https:\/\/www.garciafaura.com\/wp-content\/uploads\/2018\/10\/Ampliacio-Facultat-Dret-UB-01-x.jpg\" alt=\"Curtain Wall At The New Law Faculty Of The University Of Barcelona\" data-no-retina \/>\n<div class=\"overlay-title-excerpt-hover overlay-hide theme-overlay textcenter\">\n\t<div class=\"overlay-table clr\">\n\t\t<div class=\"overlay-table-cell clr\">\n\t\t\t<div class=\"overlay-title\">UB Law Faculty extension<\/div>\n\t\t\t<div class=\"overlay-excerpt\"><p>Barcelona. Year of completion: 2017 Architect: Jordi Marc\u00e8 Project surface area: Curtain wall: 7,500m\u00b2 |&hellip;<\/p><\/div>\t\t<\/div>\n\t<\/div>\n<\/div><\/a><\/div><\/div><div class=\"wpex-carousel-slide\"><div class=\"wpex-carousel-entry-media clr overlay-parent overlay-parent-title-excerpt-hover overlay-ms overlay-h\"><a href=\"https:\/\/www.garciafaura.com\/en\/portfolio-item\/new-massana-school\/\" title=\"New Massana School\" class=\"wpex-carousel-entry-img\"><img loading=\"lazy\" decoding=\"async\" data-no-lazy=\"1\" class=\"skip-lazy\" src=\"https:\/\/www.garciafaura.com\/wp-content\/uploads\/2018\/10\/Nova-Escola-Massana-01.jpg\" alt=\"Curtain Wall And Enclosures In The New Centre For Art And Design Building\" data-no-retina width=\"1200\" height=\"627\" \/>\n<div class=\"overlay-title-excerpt-hover overlay-hide theme-overlay textcenter\">\n\t<div class=\"overlay-table clr\">\n\t\t<div class=\"overlay-table-cell clr\">\n\t\t\t<div class=\"overlay-title\">New Massana School<\/div>\n\t\t\t<div class=\"overlay-excerpt\"><p>Barcelona. Year of completion: 2017 Architect: Carme Pin\u00f3s Project surface area: Enclosures: 1,775 m\u00b2| Curtain&hellip;<\/p><\/div>\t\t<\/div>\n\t<\/div>\n<\/div><\/a><\/div><\/div><div class=\"wpex-carousel-slide\"><div class=\"wpex-carousel-entry-media clr overlay-parent overlay-parent-title-excerpt-hover overlay-ms overlay-h\"><a href=\"https:\/\/www.garciafaura.com\/en\/portfolio-item\/betania-patmos-school\/\" title=\"Bet\u00e0nia Patmos school\" class=\"wpex-carousel-entry-img\"><img decoding=\"async\" data-no-lazy=\"1\" class=\"skip-lazy\" src=\"https:\/\/www.garciafaura.com\/wp-content\/uploads\/2018\/09\/Escola-Betania-Patmos-02-x.jpg\" alt=\"Enclosures, Skylight And Solar Panel Facade\" data-no-retina \/>\n<div class=\"overlay-title-excerpt-hover overlay-hide theme-overlay textcenter\">\n\t<div class=\"overlay-table clr\">\n\t\t<div class=\"overlay-table-cell clr\">\n\t\t\t<div class=\"overlay-title\">Bet\u00e0nia Patmos school<\/div>\n\t\t\t<div class=\"overlay-excerpt\"><p>Barcelona. Year of completion: 2017 Architect: Capilla-M\u00f3naco Arquitectos Project surface area: Exterior enclosures: 800 m\u00b2|&hellip;<\/p><\/div>\t\t<\/div>\n\t<\/div>\n<\/div><\/a><\/div><\/div><div class=\"wpex-carousel-slide\"><div class=\"wpex-carousel-entry-media clr overlay-parent overlay-parent-title-excerpt-hover overlay-ms overlay-h\"><a href=\"https:\/\/www.garciafaura.com\/en\/portfolio-item\/sancho-de-avila-funeral-centre\/\" title=\"Sancho de \u00c1vila funeral centre\" class=\"wpex-carousel-entry-img\"><img decoding=\"async\" data-no-lazy=\"1\" class=\"skip-lazy\" src=\"https:\/\/www.garciafaura.com\/wp-content\/uploads\/2018\/09\/Tanatori-Sancho-de-Avila-01-x.jpg\" alt=\"Aluminium Enclosures And Curtain Wall For This New Installation\" data-no-retina \/>\n<div class=\"overlay-title-excerpt-hover overlay-hide theme-overlay textcenter\">\n\t<div class=\"overlay-table clr\">\n\t\t<div class=\"overlay-table-cell clr\">\n\t\t\t<div class=\"overlay-title\">Sancho de \u00c1vila funeral centre<\/div>\n\t\t\t<div class=\"overlay-excerpt\"><p>Barcelona. Year of completion: 2018 Architect: JF Arquitectes Project surface area: Enclosures: 450 m\u00b2| Curtain&hellip;<\/p><\/div>\t\t<\/div>\n\t<\/div>\n<\/div><\/a><\/div><\/div><div class=\"wpex-carousel-slide\"><div class=\"wpex-carousel-entry-media clr overlay-parent overlay-parent-title-excerpt-hover overlay-ms overlay-h\"><a href=\"https:\/\/www.garciafaura.com\/en\/portfolio-item\/oceanario-de-lisboa-extension-project\/\" title=\"Oceanario de Lisboa extension project\" class=\"wpex-carousel-entry-img\"><img decoding=\"async\" data-no-lazy=\"1\" class=\"skip-lazy\" src=\"https:\/\/www.garciafaura.com\/wp-content\/uploads\/2018\/09\/Oceanario-Lisboa-04-x.jpg\" alt=\"Curtain Wall Installed In The Portuguese Capital.\" data-no-retina \/>\n<div class=\"overlay-title-excerpt-hover overlay-hide theme-overlay textcenter\">\n\t<div class=\"overlay-table clr\">\n\t\t<div class=\"overlay-table-cell clr\">\n\t\t\t<div class=\"overlay-title\">Oceanario de Lisboa extension project<\/div>\n\t\t\t<div class=\"overlay-excerpt\"><p>Lisbon (Portugal). Year of completion: 2018 Architect: Peter Chermayeff Project surface area: Enclosures: 60 m\u00b2|&hellip;<\/p><\/div>\t\t<\/div>\n\t<\/div>\n<\/div><\/a><\/div><\/div><div class=\"wpex-carousel-slide\"><div class=\"wpex-carousel-entry-media clr overlay-parent overlay-parent-title-excerpt-hover overlay-ms overlay-h\"><a href=\"https:\/\/www.garciafaura.com\/en\/portfolio-item\/colombia-airport-management-centre\/\" title=\"Colombia Airport Management Centre\" class=\"wpex-carousel-entry-img\"><img loading=\"lazy\" decoding=\"async\" data-no-lazy=\"1\" class=\"skip-lazy\" src=\"https:\/\/www.garciafaura.com\/wp-content\/uploads\/2018\/10\/Centro-Gestio\u0301n-Aeroportuaria-01.jpg\" alt=\"Facades And Enclosures For The El Dorado International Airport Extension Project\" data-no-retina width=\"1200\" height=\"629\" \/>\n<div class=\"overlay-title-excerpt-hover overlay-hide theme-overlay textcenter\">\n\t<div class=\"overlay-table clr\">\n\t\t<div class=\"overlay-table-cell clr\">\n\t\t\t<div class=\"overlay-title\">Colombia Airport Management Centre<\/div>\n\t\t\t<div class=\"overlay-excerpt\"><p>Bogot\u00e1 D.C. (Colombia). Year of completion: 2015 Architect: Esteban Rodr\u00edguez Soto | Sener - Incoplan&hellip;<\/p><\/div>\t\t<\/div>\n\t<\/div>\n<\/div><\/a><\/div><\/div><div class=\"wpex-carousel-slide\"><div class=\"wpex-carousel-entry-media clr overlay-parent overlay-parent-title-excerpt-hover overlay-ms overlay-h\"><a href=\"https:\/\/www.garciafaura.com\/en\/portfolio-item\/el-dorado-airport-control-tower\/\" title=\"El Dorado Airport control tower\" class=\"wpex-carousel-entry-img\"><img decoding=\"async\" data-no-lazy=\"1\" class=\"skip-lazy\" src=\"https:\/\/www.garciafaura.com\/wp-content\/uploads\/2018\/10\/Colo\u0300mbia-Torre-Control-El-Dorado-02-x.jpg\" alt=\"Cladding And Works At Height On The Bogot\u00e1 Airport Control Tower\" data-no-retina \/>\n<div class=\"overlay-title-excerpt-hover overlay-hide theme-overlay textcenter\">\n\t<div class=\"overlay-table clr\">\n\t\t<div class=\"overlay-table-cell clr\">\n\t\t\t<div class=\"overlay-title\">El Dorado Airport control tower<\/div>\n\t\t\t<div class=\"overlay-excerpt\"><p>Bogot\u00e1 D.C. (Colombia). Year of completion: 2016 Architect: Bruce S. Fairbanks | INECO Project surface&hellip;<\/p><\/div>\t\t<\/div>\n\t<\/div>\n<\/div><\/a><\/div><\/div><div class=\"wpex-carousel-slide\"><div class=\"wpex-carousel-entry-media clr overlay-parent overlay-parent-title-excerpt-hover overlay-ms overlay-h\"><a href=\"https:\/\/www.garciafaura.com\/en\/portfolio-item\/instituto-esteve-albert\/\" title=\"Instituto Esteve Albert\" class=\"wpex-carousel-entry-img\"><img loading=\"lazy\" decoding=\"async\" data-no-lazy=\"1\" class=\"skip-lazy\" src=\"https:\/\/www.garciafaura.com\/wp-content\/uploads\/2018\/11\/Institut-Sant-Vicenc\u0327-Montalt-12.jpg\" alt=\"Aluminium Enclosures At The New Sant Vicen\u00e7 De Montalt Education Centre\" data-no-retina width=\"1200\" height=\"629\" \/>\n<div class=\"overlay-title-excerpt-hover overlay-hide theme-overlay textcenter\">\n\t<div class=\"overlay-table clr\">\n\t\t<div class=\"overlay-table-cell clr\">\n\t\t\t<div class=\"overlay-title\">Instituto Esteve Albert<\/div>\n\t\t\t<div class=\"overlay-excerpt\"><p>Sant Vicen\u00e7 de Montalt. Year of completion: 2015 Architect: Estudi Nao + Jos\u00e9 Mar\u00eda Guti\u00e9rrez&hellip;<\/p><\/div>\t\t<\/div>\n\t<\/div>\n<\/div><\/a><\/div><\/div><div class=\"wpex-carousel-slide\"><div class=\"wpex-carousel-entry-media clr overlay-parent overlay-parent-title-excerpt-hover overlay-ms overlay-h\"><a href=\"https:\/\/www.garciafaura.com\/en\/portfolio-item\/ctm-manresa-technology-centre\/\" title=\"CTM Manresa Technology Centre\" class=\"wpex-carousel-entry-img\"><img decoding=\"async\" data-no-lazy=\"1\" class=\"skip-lazy\" src=\"https:\/\/www.garciafaura.com\/wp-content\/uploads\/2018\/11\/Centre-Tecnolo\u0300gic-Manresa-19-x.jpg\" alt=\"Fabrication And Installation Of Enclosures, Curtain Wall And Facade Cladding\" data-no-retina \/>\n<div class=\"overlay-title-excerpt-hover overlay-hide theme-overlay textcenter\">\n\t<div class=\"overlay-table clr\">\n\t\t<div class=\"overlay-table-cell clr\">\n\t\t\t<div class=\"overlay-title\">CTM Manresa Technology Centre<\/div>\n\t\t\t<div class=\"overlay-excerpt\"><p>Manresa. Year of completion: 2013 Architects: Eduard Gasc\u00f3n and Jordi Roig Project surface area: Enclosures:&hellip;<\/p><\/div>\t\t<\/div>\n\t<\/div>\n<\/div><\/a><\/div><\/div><div class=\"wpex-carousel-slide\"><div class=\"wpex-carousel-entry-media clr overlay-parent overlay-parent-title-excerpt-hover overlay-ms overlay-h\"><a href=\"https:\/\/www.garciafaura.com\/en\/portfolio-item\/mas-denric-detention-centre\/\" title=\"Mas d&#8217;Enric Detention Centre\" class=\"wpex-carousel-entry-img\"><img decoding=\"async\" data-no-lazy=\"1\" class=\"skip-lazy\" src=\"https:\/\/www.garciafaura.com\/wp-content\/uploads\/2018\/11\/Centre-Penitenciari-Tarragona-01-x.jpg\" alt=\"Set Of Interior And Exterior Enclosures For The New Mas D'Enric Detention Centre\" data-no-retina \/>\n<div class=\"overlay-title-excerpt-hover overlay-hide theme-overlay textcenter\">\n\t<div class=\"overlay-table clr\">\n\t\t<div class=\"overlay-table-cell clr\">\n\t\t\t<div class=\"overlay-title\">Mas d&#8217;Enric Detention Centre<\/div>\n\t\t\t<div class=\"overlay-excerpt\"><p>Year of completion: 2012 Iron and stainless steel working specialists for detention centres. Fabrication and&hellip;<\/p><\/div>\t\t<\/div>\n\t<\/div>\n<\/div><\/a><\/div><\/div><div class=\"wpex-carousel-slide\"><div class=\"wpex-carousel-entry-media clr overlay-parent overlay-parent-title-excerpt-hover overlay-ms overlay-h\"><a href=\"https:\/\/www.garciafaura.com\/en\/portfolio-item\/grimaldi-terminal\/\" title=\"Grimaldi Terminal\" class=\"wpex-carousel-entry-img\"><img decoding=\"async\" data-no-lazy=\"1\" class=\"skip-lazy\" src=\"https:\/\/www.garciafaura.com\/wp-content\/uploads\/2018\/11\/Terminal-Grimaldi-19-x.jpg\" alt=\"New Terminal For The Grimaldi Liner Company In The Port Of Barcelona\" data-no-retina \/>\n<div class=\"overlay-title-excerpt-hover overlay-hide theme-overlay textcenter\">\n\t<div class=\"overlay-table clr\">\n\t\t<div class=\"overlay-table-cell clr\">\n\t\t\t<div class=\"overlay-title\">Grimaldi Terminal<\/div>\n\t\t\t<div class=\"overlay-excerpt\"><p>Barcelona. Year of completion: 2013 Architect: Yannic Lev\u00eaque Project surface area: Enclosures: 386 m\u00b2 |&hellip;<\/p><\/div>\t\t<\/div>\n\t<\/div>\n<\/div><\/a><\/div><\/div><div class=\"wpex-carousel-slide\"><div class=\"wpex-carousel-entry-media clr overlay-parent overlay-parent-title-excerpt-hover overlay-ms overlay-h\"><a href=\"https:\/\/www.garciafaura.com\/en\/portfolio-item\/city-of-justice-of-barcelona\/\" title=\"City of Justice of Barcelona\" class=\"wpex-carousel-entry-img\"><img decoding=\"async\" data-no-lazy=\"1\" class=\"skip-lazy\" src=\"https:\/\/www.garciafaura.com\/wp-content\/uploads\/2019\/03\/CiutatJusticia-x.jpg\" alt='' data-no-retina \/>\n<div class=\"overlay-title-excerpt-hover overlay-hide theme-overlay textcenter\">\n\t<div class=\"overlay-table clr\">\n\t\t<div class=\"overlay-table-cell clr\">\n\t\t\t<div class=\"overlay-title\">City of Justice of Barcelona<\/div>\n\t\t\t<div class=\"overlay-excerpt\"><p>Barcelona. Year of completion: 2009 Architect: David Chipperfield \/ Estudi b720 Project surface area: Enclosures:&hellip;<\/p><\/div>\t\t<\/div>\n\t<\/div>\n<\/div><\/a><\/div><\/div><div class=\"wpex-carousel-slide\"><div class=\"wpex-carousel-entry-media clr overlay-parent overlay-parent-title-excerpt-hover overlay-ms overlay-h\"><a href=\"https:\/\/www.garciafaura.com\/en\/portfolio-item\/fira-barcelona-gran-via\/\" title=\"Fira Barcelona Gran Via\" class=\"wpex-carousel-entry-img\"><img decoding=\"async\" data-no-lazy=\"1\" class=\"skip-lazy\" src=\"https:\/\/www.garciafaura.com\/wp-content\/uploads\/2018\/11\/Fira-de-Barcelona-00-x.jpg\" alt=\"Curtain Wall And Fira 2 Pavilion Designed By The Architect Toyo Ito\" data-no-retina \/>\n<div class=\"overlay-title-excerpt-hover overlay-hide theme-overlay textcenter\">\n\t<div class=\"overlay-table clr\">\n\t\t<div class=\"overlay-table-cell clr\">\n\t\t\t<div class=\"overlay-title\">Fira Barcelona Gran Via<\/div>\n\t\t\t<div class=\"overlay-excerpt\"><p>L'Hospitalet de Llobregat. Year of completion: 2007 Architect: Toyo Ito A project by the architect&hellip;<\/p><\/div>\t\t<\/div>\n\t<\/div>\n<\/div><\/a><\/div><\/div><div class=\"wpex-carousel-slide\"><div class=\"wpex-carousel-entry-media clr overlay-parent overlay-parent-title-excerpt-hover overlay-ms overlay-h\"><a href=\"https:\/\/www.garciafaura.com\/en\/portfolio-item\/terrassa-funeral-parlour\/\" title=\"Terrassa funeral parlour\" class=\"wpex-carousel-entry-img\"><img decoding=\"async\" data-no-lazy=\"1\" class=\"skip-lazy\" src=\"https:\/\/www.garciafaura.com\/wp-content\/uploads\/2018\/12\/Tanatori-Terrassa-01-x.jpg\" alt=\"Aluminium And Glazing Works For The Funeral Parlour\" data-no-retina \/>\n<div class=\"overlay-title-excerpt-hover overlay-hide theme-overlay textcenter\">\n\t<div class=\"overlay-table clr\">\n\t\t<div class=\"overlay-table-cell clr\">\n\t\t\t<div class=\"overlay-title\">Terrassa funeral parlour<\/div>\n\t\t\t<div class=\"overlay-excerpt\"><p>Year of completition: 2018\u00a0Architect: Batlle i Roig Arquitectes\u00a0 Works surface area:\u00a0Enclosures: 275 m\u00b2 The Terrassa&hellip;<\/p><\/div>\t\t<\/div>\n\t<\/div>\n<\/div><\/a><\/div><\/div><div class=\"wpex-carousel-slide\"><div class=\"wpex-carousel-entry-media clr overlay-parent overlay-parent-title-excerpt-hover overlay-ms overlay-h\"><a href=\"https:\/\/www.garciafaura.com\/en\/portfolio-item\/condorcet-campus\/\" title=\"Condorcet Campus\" class=\"wpex-carousel-entry-img\"><img loading=\"lazy\" decoding=\"async\" data-no-lazy=\"1\" class=\"skip-lazy\" src=\"https:\/\/www.garciafaura.com\/wp-content\/uploads\/2019\/04\/01-CampusCondorcet_FotoSimonGarcia_arqfoto-1200x628.jpg\" alt='' data-no-retina width=\"1200\" height=\"628\" \/>\n<div class=\"overlay-title-excerpt-hover overlay-hide theme-overlay textcenter\">\n\t<div class=\"overlay-table clr\">\n\t\t<div class=\"overlay-table-cell clr\">\n\t\t\t<div class=\"overlay-title\">Condorcet Campus<\/div>\n\t\t\t<div class=\"overlay-excerpt\"><p>Year of completition: 2019\u00a0Architect: Brunet Saunier Architecture Works surface area:\u00a0Curtain wall: 1500 m\u00b2 | Window&hellip;<\/p><\/div>\t\t<\/div>\n\t<\/div>\n<\/div><\/a><\/div><\/div><div class=\"wpex-carousel-slide\"><div class=\"wpex-carousel-entry-media clr overlay-parent overlay-parent-title-excerpt-hover overlay-ms overlay-h\"><a href=\"https:\/\/www.garciafaura.com\/en\/portfolio-item\/morland-project\/\" title=\"Morland Project\" class=\"wpex-carousel-entry-img\"><img decoding=\"async\" data-no-lazy=\"1\" class=\"skip-lazy\" src=\"https:\/\/www.garciafaura.com\/wp-content\/uploads\/2022\/06\/Morland01-x.jpg\" alt='' data-no-retina \/>\n<div class=\"overlay-title-excerpt-hover overlay-hide theme-overlay textcenter\">\n\t<div class=\"overlay-table clr\">\n\t\t<div class=\"overlay-table-cell clr\">\n\t\t\t<div class=\"overlay-title\">Morland Project<\/div>\n\t\t\t<div class=\"overlay-excerpt\"><p>GARCIA FAURA has participated in the structural and architectural rehabilitation of Morland Mixit\u00e9 Capitale, the&hellip;<\/p><\/div>\t\t<\/div>\n\t<\/div>\n<\/div><\/a><\/div><\/div><\/div>[\/vc_column][\/vc_row][vc_row full_width=&#8221;stretch_row_content&#8221; typography_style=&#8221;white&#8221; css=&#8221;.vc_custom_1543336958370{margin-right: 30px !important;margin-left: 15px !important;background-color: #000000 !important;background-position: center !important;background-repeat: no-repeat !important;background-size: cover !important;}&#8221;][vc_column width=&#8221;5\/6&#8243; css=&#8221;.vc_custom_1543335477433{margin-left: 30px !important;}&#8221;]<div class=\"vcex-spacing\" style=\"height:30px\"><\/div><div class=\"vcex-module wpex-carousel wpex-carousel-portfolio clr owl-carousel arrwstyle-min arrwpos-center\" data-wpex-carousel=\"{&quot;nav&quot;:true,&quot;dots&quot;:false,&quot;autoplay&quot;:false,&quot;loop&quot;:true,&quot;center&quot;:true,&quot;smartSpeed&quot;:120,&quot;items&quot;:3,&quot;slideBy&quot;:3,&quot;autoplayTimeout&quot;:5000,&quot;margin&quot;:5,&quot;itemsTablet&quot;:3,&quot;itemsMobileLandscape&quot;:2,&quot;itemsMobilePortrait&quot;:1,&quot;autoWidth&quot;:false,&quot;autoHeight&quot;:false}\"><div class=\"wpex-carousel-slide\"><div class=\"wpex-carousel-entry-media clr overlay-parent overlay-parent-title-excerpt-hover overlay-ms overlay-h\"><a href=\"https:\/\/www.garciafaura.com\/en\/portfolio-item\/transformacio-edifici-estel\/\" title=\"Refurbishment of the Estel building\" class=\"wpex-carousel-entry-img\"><img decoding=\"async\" data-no-lazy=\"1\" class=\"skip-lazy\" src=\"https:\/\/www.garciafaura.com\/wp-content\/uploads\/2024\/01\/Rehab-edifici-Estel-02-x.jpg\" alt='' data-no-retina \/>\n<div class=\"overlay-title-excerpt-hover overlay-hide theme-overlay textcenter\">\n\t<div class=\"overlay-table clr\">\n\t\t<div class=\"overlay-table-cell clr\">\n\t\t\t<div class=\"overlay-title\">Refurbishment of the Estel building<\/div>\n\t\t\t<div class=\"overlay-excerpt\"><p>Comprehensive refurbishment of the Estel building in Barcelona. GARCIA FAURA has carried out the construction&hellip;<\/p><\/div>\t\t<\/div>\n\t<\/div>\n<\/div><\/a><\/div><\/div><div class=\"wpex-carousel-slide\"><div class=\"wpex-carousel-entry-media clr overlay-parent overlay-parent-title-excerpt-hover overlay-ms overlay-h\"><a href=\"https:\/\/www.garciafaura.com\/en\/portfolio-item\/complex-doficines-nubiola-22\/\" title=\"Offices complex Nubiola 22@\" class=\"wpex-carousel-entry-img\"><img decoding=\"async\" data-no-lazy=\"1\" class=\"skip-lazy\" src=\"https:\/\/www.garciafaura.com\/wp-content\/uploads\/2023\/10\/Complex-oficines-22@-01-x.jpg\" alt='' data-no-retina \/>\n<div class=\"overlay-title-excerpt-hover overlay-hide theme-overlay textcenter\">\n\t<div class=\"overlay-table clr\">\n\t\t<div class=\"overlay-table-cell clr\">\n\t\t\t<div class=\"overlay-title\">Offices complex Nubiola 22@<\/div>\n\t\t\t<div class=\"overlay-excerpt\"><p>Development and execution of the envelopes, enclosures and glazing of one of the buildings of&hellip;<\/p><\/div>\t\t<\/div>\n\t<\/div>\n<\/div><\/a><\/div><\/div><div class=\"wpex-carousel-slide\"><div class=\"wpex-carousel-entry-media clr overlay-parent overlay-parent-title-excerpt-hover overlay-ms overlay-h\"><a href=\"https:\/\/www.garciafaura.com\/en\/portfolio-item\/rehabilitacio-oficines-balmes\/\" title=\"Balmes office building rehabilitation\" class=\"wpex-carousel-entry-img\"><img decoding=\"async\" data-no-lazy=\"1\" class=\"skip-lazy\" src=\"https:\/\/www.garciafaura.com\/wp-content\/uploads\/2022\/06\/Oficines-Balmes-89-05-x.jpg\" alt='' data-no-retina \/>\n<div class=\"overlay-title-excerpt-hover overlay-hide theme-overlay textcenter\">\n\t<div class=\"overlay-table clr\">\n\t\t<div class=\"overlay-table-cell clr\">\n\t\t\t<div class=\"overlay-title\">Balmes office building rehabilitation<\/div>\n\t\t\t<div class=\"overlay-excerpt\"><p>Rehabilitation of fa\u00e7ade, with curtain wall and double skin solution with ceramic slat panels in&hellip;<\/p><\/div>\t\t<\/div>\n\t<\/div>\n<\/div><\/a><\/div><\/div><div class=\"wpex-carousel-slide\"><div class=\"wpex-carousel-entry-media clr overlay-parent overlay-parent-title-excerpt-hover overlay-ms overlay-h\"><a href=\"https:\/\/www.garciafaura.com\/en\/portfolio-item\/ampliacio-oficines-lidl-montcada\/\" title=\"Lidl Montcada office extension\" class=\"wpex-carousel-entry-img\"><img decoding=\"async\" data-no-lazy=\"1\" class=\"skip-lazy\" src=\"https:\/\/www.garciafaura.com\/wp-content\/uploads\/2021\/10\/Oficines-Lidl-Montcada-02-x.jpg\" alt='' data-no-retina \/>\n<div class=\"overlay-title-excerpt-hover overlay-hide theme-overlay textcenter\">\n\t<div class=\"overlay-table clr\">\n\t\t<div class=\"overlay-table-cell clr\">\n\t\t\t<div class=\"overlay-title\">Lidl Montcada office extension<\/div>\n\t\t\t<div class=\"overlay-excerpt\"><p>Curtain walls, fa\u00e7ade cladding, trellis and metal enclosures for the extension project of the offices&hellip;<\/p><\/div>\t\t<\/div>\n\t<\/div>\n<\/div><\/a><\/div><\/div><div class=\"wpex-carousel-slide\"><div class=\"wpex-carousel-entry-media clr overlay-parent overlay-parent-title-excerpt-hover overlay-ms overlay-h\"><a href=\"https:\/\/www.garciafaura.com\/en\/portfolio-item\/complex-doficines-22\/\" title=\"Pallars 180 office complex\" class=\"wpex-carousel-entry-img\"><img decoding=\"async\" data-no-lazy=\"1\" class=\"skip-lazy\" src=\"https:\/\/www.garciafaura.com\/wp-content\/uploads\/2021\/10\/Oficines-Pallars-180-22@-01-x.jpg\" alt='' data-no-retina \/>\n<div class=\"overlay-title-excerpt-hover overlay-hide theme-overlay textcenter\">\n\t<div class=\"overlay-table clr\">\n\t\t<div class=\"overlay-table-cell clr\">\n\t\t\t<div class=\"overlay-title\">Pallars 180 office complex<\/div>\n\t\t\t<div class=\"overlay-excerpt\"><p>Development and execution of enclosures and glass for the office complex located at Pallars, 180&hellip;<\/p><\/div>\t\t<\/div>\n\t<\/div>\n<\/div><\/a><\/div><\/div><div class=\"wpex-carousel-slide\"><div class=\"wpex-carousel-entry-media clr overlay-parent overlay-parent-title-excerpt-hover overlay-ms overlay-h\"><a href=\"https:\/\/www.garciafaura.com\/en\/portfolio-item\/edificio-de-oficinas-europa-building-lhospitalet\/\" title=\"Europa Office Building L&#8217;Hospitalet\" class=\"wpex-carousel-entry-img\"><img decoding=\"async\" data-no-lazy=\"1\" class=\"skip-lazy\" src=\"https:\/\/www.garciafaura.com\/wp-content\/uploads\/2021\/07\/Europa-Building-LH-12-x.jpg\" alt=\"Europa Building LH\" data-no-retina \/>\n<div class=\"overlay-title-excerpt-hover overlay-hide theme-overlay textcenter\">\n\t<div class=\"overlay-table clr\">\n\t\t<div class=\"overlay-table-cell clr\">\n\t\t\t<div class=\"overlay-title\">Europa Office Building L&#8217;Hospitalet<\/div>\n\t\t\t<div class=\"overlay-excerpt\"><p>Development of the fa\u00e7ade of this corporate building in L'Hospitalet (Barcelona).<\/p><\/div>\t\t<\/div>\n\t<\/div>\n<\/div><\/a><\/div><\/div><div class=\"wpex-carousel-slide\"><div class=\"wpex-carousel-entry-media clr overlay-parent overlay-parent-title-excerpt-hover overlay-ms overlay-h\"><a href=\"https:\/\/www.garciafaura.com\/en\/portfolio-item\/edifici-doficines-diagonal-532\/\" title=\"Diagonal 530 office building\" class=\"wpex-carousel-entry-img\"><img decoding=\"async\" data-no-lazy=\"1\" class=\"skip-lazy\" src=\"https:\/\/www.garciafaura.com\/wp-content\/uploads\/2021\/05\/Oficines-Diagonal-530-28-x.jpg\" alt='' data-no-retina \/>\n<div class=\"overlay-title-excerpt-hover overlay-hide theme-overlay textcenter\">\n\t<div class=\"overlay-table clr\">\n\t\t<div class=\"overlay-table-cell clr\">\n\t\t\t<div class=\"overlay-title\">Diagonal 530 office building<\/div>\n\t\t\t<div class=\"overlay-excerpt\"><p>Development of fa\u00e7ade, double skin, aluminium and glass enclosures for the refurbishment of this office&hellip;<\/p><\/div>\t\t<\/div>\n\t<\/div>\n<\/div><\/a><\/div><\/div><div class=\"wpex-carousel-slide\"><div class=\"wpex-carousel-entry-media clr overlay-parent overlay-parent-title-excerpt-hover overlay-ms overlay-h\"><a href=\"https:\/\/www.garciafaura.com\/en\/portfolio-item\/hospital-sjd-pediatric-cancer-center-de-barcelona\/\" title=\"Hospital SJD Pediatric Cancer Center BCN\" class=\"wpex-carousel-entry-img\"><img decoding=\"async\" data-no-lazy=\"1\" class=\"skip-lazy\" src=\"https:\/\/www.garciafaura.com\/wp-content\/uploads\/2021\/01\/Pediatric-Centre-Sant-Joan-Deu-42-x.jpg\" alt='' data-no-retina \/>\n<div class=\"overlay-title-excerpt-hover overlay-hide theme-overlay textcenter\">\n\t<div class=\"overlay-table clr\">\n\t\t<div class=\"overlay-table-cell clr\">\n\t\t\t<div class=\"overlay-title\">Hospital SJD Pediatric Cancer Center BCN<\/div>\n\t\t\t<div class=\"overlay-excerpt\"><p>Curtain walls, enclosures, glazing and metal work on the fa\u00e7ade for the new Sant Joan&hellip;<\/p><\/div>\t\t<\/div>\n\t<\/div>\n<\/div><\/a><\/div><\/div><div class=\"wpex-carousel-slide\"><div class=\"wpex-carousel-entry-media clr overlay-parent overlay-parent-title-excerpt-hover overlay-ms overlay-h\"><a href=\"https:\/\/www.garciafaura.com\/en\/portfolio-item\/complejo-selva-de-mar\/\" title=\"Selva de Mar complex\" class=\"wpex-carousel-entry-img\"><img decoding=\"async\" data-no-lazy=\"1\" class=\"skip-lazy\" src=\"https:\/\/www.garciafaura.com\/wp-content\/uploads\/2021\/01\/Complex-Selva-de-Mar-amb-solete-01-x.jpg\" alt='' data-no-retina \/>\n<div class=\"overlay-title-excerpt-hover overlay-hide theme-overlay textcenter\">\n\t<div class=\"overlay-table clr\">\n\t\t<div class=\"overlay-table-cell clr\">\n\t\t\t<div class=\"overlay-title\">Selva de Mar complex<\/div>\n\t\t\t<div class=\"overlay-excerpt\"><p>The Selva de Mar corporate project consists of a set of four buildings with towers&hellip;<\/p><\/div>\t\t<\/div>\n\t<\/div>\n<\/div><\/a><\/div><\/div><div class=\"wpex-carousel-slide\"><div class=\"wpex-carousel-entry-media clr overlay-parent overlay-parent-title-excerpt-hover overlay-ms overlay-h\"><a href=\"https:\/\/www.garciafaura.com\/en\/portfolio-item\/placa-europa-offices-extension\/\" title=\"Pla\u00e7a Europa Office Building extension\" class=\"wpex-carousel-entry-img\"><img decoding=\"async\" data-no-lazy=\"1\" class=\"skip-lazy\" src=\"https:\/\/www.garciafaura.com\/wp-content\/uploads\/2019\/09\/Ampliacio\u0301-Oficines-Plac\u0327a-Europa-01-x.jpg\" alt='' data-no-retina \/>\n<div class=\"overlay-title-excerpt-hover overlay-hide theme-overlay textcenter\">\n\t<div class=\"overlay-table clr\">\n\t\t<div class=\"overlay-table-cell clr\">\n\t\t\t<div class=\"overlay-title\">Pla\u00e7a Europa Office Building extension<\/div>\n\t\t\t<div class=\"overlay-excerpt\"><p>Manufacture and installation of modular facades and enclosures for the extension of a singular office&hellip;<\/p><\/div>\t\t<\/div>\n\t<\/div>\n<\/div><\/a><\/div><\/div><div class=\"wpex-carousel-slide\"><div class=\"wpex-carousel-entry-media clr overlay-parent overlay-parent-title-excerpt-hover overlay-ms overlay-h\"><a href=\"https:\/\/www.garciafaura.com\/en\/portfolio-item\/offices-sancho-de-avila-65\/\" title=\"Offices Sancho de \u00c1vila 65\" class=\"wpex-carousel-entry-img\"><img decoding=\"async\" data-no-lazy=\"1\" class=\"skip-lazy\" src=\"https:\/\/www.garciafaura.com\/wp-content\/uploads\/2019\/04\/Oficines-Sancho-de-A\u0301vila-65-03-x.jpg\" alt='' data-no-retina \/>\n<div class=\"overlay-title-excerpt-hover overlay-hide theme-overlay textcenter\">\n\t<div class=\"overlay-table clr\">\n\t\t<div class=\"overlay-table-cell clr\">\n\t\t\t<div class=\"overlay-title\">Offices Sancho de \u00c1vila 65<\/div>\n\t\t\t<div class=\"overlay-excerpt\"><p>Aluminum enclosures and retractable blinds with adjustable slats<\/p><\/div>\t\t<\/div>\n\t<\/div>\n<\/div><\/a><\/div><\/div><div class=\"wpex-carousel-slide\"><div class=\"wpex-carousel-entry-media clr overlay-parent overlay-parent-title-excerpt-hover overlay-ms overlay-h\"><a href=\"https:\/\/www.garciafaura.com\/en\/portfolio-item\/balmes-offices\/\" title=\"Balmes offices\" class=\"wpex-carousel-entry-img\"><img decoding=\"async\" data-no-lazy=\"1\" class=\"skip-lazy\" src=\"https:\/\/www.garciafaura.com\/wp-content\/uploads\/2018\/10\/Oficines-Balmes-04-x.jpg\" alt=\"Curtain Wall Facade With Aluminium Profiles And Cuboid Aluminium And Glass Modules\" data-no-retina \/>\n<div class=\"overlay-title-excerpt-hover overlay-hide theme-overlay textcenter\">\n\t<div class=\"overlay-table clr\">\n\t\t<div class=\"overlay-table-cell clr\">\n\t\t\t<div class=\"overlay-title\">Balmes offices<\/div>\n\t\t\t<div class=\"overlay-excerpt\"><p>Barcelona. Year of completion: 2015 Project surface area: Enclosures: 325 m\u00b2| Curtain wall: 340 m\u00b2|&hellip;<\/p><\/div>\t\t<\/div>\n\t<\/div>\n<\/div><\/a><\/div><\/div><div class=\"wpex-carousel-slide\"><div class=\"wpex-carousel-entry-media clr overlay-parent overlay-parent-title-excerpt-hover overlay-ms overlay-h\"><a href=\"https:\/\/www.garciafaura.com\/en\/portfolio-item\/renault-dacia-dealership\/\" title=\"Renault Dacia dealership\" class=\"wpex-carousel-entry-img\"><img decoding=\"async\" data-no-lazy=\"1\" class=\"skip-lazy\" src=\"https:\/\/www.garciafaura.com\/wp-content\/uploads\/2018\/10\/Concessionari-Renault-Esplugues-07-x.jpg\" alt=\"New Perforated Aluminium Facade And Curtain Wall\" data-no-retina \/>\n<div class=\"overlay-title-excerpt-hover overlay-hide theme-overlay textcenter\">\n\t<div class=\"overlay-table clr\">\n\t\t<div class=\"overlay-table-cell clr\">\n\t\t\t<div class=\"overlay-title\">Renault Dacia dealership<\/div>\n\t\t\t<div class=\"overlay-excerpt\"><p>Esplugues de Llobregat. Year of completion: 2016 Project surface area: Aluminium sheet cladding: 2,800 m\u00b2|&hellip;<\/p><\/div>\t\t<\/div>\n\t<\/div>\n<\/div><\/a><\/div><\/div><div class=\"wpex-carousel-slide\"><div class=\"wpex-carousel-entry-media clr overlay-parent overlay-parent-title-excerpt-hover overlay-ms overlay-h\"><a href=\"https:\/\/www.garciafaura.com\/en\/portfolio-item\/diagonal-191-offices\/\" title=\"Diagonal 191 offices\" class=\"wpex-carousel-entry-img\"><img decoding=\"async\" data-no-lazy=\"1\" class=\"skip-lazy\" src=\"https:\/\/www.garciafaura.com\/wp-content\/uploads\/2018\/10\/Oficines-Diagonal-191-03-x.jpg\" alt=\"Fabrication And Installation Of A Modular Wall Assembly.\" data-no-retina \/>\n<div class=\"overlay-title-excerpt-hover overlay-hide theme-overlay textcenter\">\n\t<div class=\"overlay-table clr\">\n\t\t<div class=\"overlay-table-cell clr\">\n\t\t\t<div class=\"overlay-title\">Diagonal 191 offices<\/div>\n\t\t\t<div class=\"overlay-excerpt\"><p>Barcelona. Year of completion: 2016 Architect: GCA Arquitectes Project surface area: Modular facade: 13,600 m\u00b2&hellip;<\/p><\/div>\t\t<\/div>\n\t<\/div>\n<\/div><\/a><\/div><\/div><div class=\"wpex-carousel-slide\"><div class=\"wpex-carousel-entry-media clr overlay-parent overlay-parent-title-excerpt-hover overlay-ms overlay-h\"><a href=\"https:\/\/www.garciafaura.com\/en\/portfolio-item\/ofi7-business-centre\/\" title=\"OFI7 Business Centre\" class=\"wpex-carousel-entry-img\"><img decoding=\"async\" data-no-lazy=\"1\" class=\"skip-lazy\" src=\"https:\/\/www.garciafaura.com\/wp-content\/uploads\/2018\/10\/Colombia-OFI7-09-x.jpg\" alt=\"High-performance Aluminium Enclosures With Curtain Walls And Glazed Facades.\" data-no-retina \/>\n<div class=\"overlay-title-excerpt-hover overlay-hide theme-overlay textcenter\">\n\t<div class=\"overlay-table clr\">\n\t\t<div class=\"overlay-table-cell clr\">\n\t\t\t<div class=\"overlay-title\">OFI7 Business Centre<\/div>\n\t\t\t<div class=\"overlay-excerpt\"><p>Medell\u00edn (Colombia). Year of completion: 2017 Architect: Rodrigo Fajardo Project surface area: Glazed facade: 510&hellip;<\/p><\/div>\t\t<\/div>\n\t<\/div>\n<\/div><\/a><\/div><\/div><div class=\"wpex-carousel-slide\"><div class=\"wpex-carousel-entry-media clr overlay-parent overlay-parent-title-excerpt-hover overlay-ms overlay-h\"><a href=\"https:\/\/www.garciafaura.com\/en\/portfolio-item\/torre-4-porta-firal\/\" title=\"Torre 4 Porta Firal\" class=\"wpex-carousel-entry-img\"><img decoding=\"async\" data-no-lazy=\"1\" class=\"skip-lazy\" src=\"https:\/\/www.garciafaura.com\/wp-content\/uploads\/2018\/10\/Torre-4-Porta-Firal-01-x.jpg\" alt=\"Set Of Facades And Enclosures In The New Corporate Building\" data-no-retina \/>\n<div class=\"overlay-title-excerpt-hover overlay-hide theme-overlay textcenter\">\n\t<div class=\"overlay-table clr\">\n\t\t<div class=\"overlay-table-cell clr\">\n\t\t\t<div class=\"overlay-title\">Torre 4 Porta Firal<\/div>\n\t\t\t<div class=\"overlay-excerpt\"><p>Barcelona. Year of completion: 2017 Architect: \u00d2scar Tusquets Project surface area: Curtain wall: 1,800 m\u00b2|&hellip;<\/p><\/div>\t\t<\/div>\n\t<\/div>\n<\/div><\/a><\/div><\/div><div class=\"wpex-carousel-slide\"><div class=\"wpex-carousel-entry-media clr overlay-parent overlay-parent-title-excerpt-hover overlay-ms overlay-h\"><a href=\"https:\/\/www.garciafaura.com\/en\/portfolio-item\/amazon-logistics-centre\/\" title=\"Amazon Logistics Centre\" class=\"wpex-carousel-entry-img\"><img decoding=\"async\" data-no-lazy=\"1\" class=\"skip-lazy\" src=\"https:\/\/www.garciafaura.com\/wp-content\/uploads\/2018\/09\/Nau-Amazon-El-Prat-01-x.jpg\" alt=\"Over 1,100 Enclosures For The New Installations At El Prat\" data-no-retina \/>\n<div class=\"overlay-title-excerpt-hover overlay-hide theme-overlay textcenter\">\n\t<div class=\"overlay-table clr\">\n\t\t<div class=\"overlay-table-cell clr\">\n\t\t\t<div class=\"overlay-title\">Amazon Logistics Centre<\/div>\n\t\t\t<div class=\"overlay-excerpt\"><p>El Prat de Llobregat. Year of completion: 2017 Architect: Idom Project surface area: Motorised windows:&hellip;<\/p><\/div>\t\t<\/div>\n\t<\/div>\n<\/div><\/a><\/div><\/div><div class=\"wpex-carousel-slide\"><div class=\"wpex-carousel-entry-media clr overlay-parent overlay-parent-title-excerpt-hover overlay-ms overlay-h\"><a href=\"https:\/\/www.garciafaura.com\/en\/portfolio-item\/boulevard-haussmann\/\" title=\"Boulevard Haussmann\" class=\"wpex-carousel-entry-img\"><img loading=\"lazy\" decoding=\"async\" data-no-lazy=\"1\" class=\"skip-lazy\" src=\"https:\/\/www.garciafaura.com\/wp-content\/uploads\/2019\/04\/01-BoulevardHaussmann-FotoSimonGarcia_arqfoto-1200x628.jpg\" alt='' data-no-retina width=\"1200\" height=\"628\" \/>\n<div class=\"overlay-title-excerpt-hover overlay-hide theme-overlay textcenter\">\n\t<div class=\"overlay-table clr\">\n\t\t<div class=\"overlay-table-cell clr\">\n\t\t\t<div class=\"overlay-title\">Boulevard Haussmann<\/div>\n\t\t\t<div class=\"overlay-excerpt\"><p>Enclosures of exterior and interior facades for the rehabilitation of this classic style building in&hellip;<\/p><\/div>\t\t<\/div>\n\t<\/div>\n<\/div><\/a><\/div><\/div><div class=\"wpex-carousel-slide\"><div class=\"wpex-carousel-entry-media clr overlay-parent overlay-parent-title-excerpt-hover overlay-ms overlay-h\"><a href=\"https:\/\/www.garciafaura.com\/en\/portfolio-item\/boulevard-grenelle\/\" title=\"Boulevard Grenelle\" class=\"wpex-carousel-entry-img\"><img loading=\"lazy\" decoding=\"async\" data-no-lazy=\"1\" class=\"skip-lazy\" src=\"https:\/\/www.garciafaura.com\/wp-content\/uploads\/2019\/04\/02-Oficines-Boulevard-Grenelle-FotoSimonGarcia_arqfoto-1200x628.jpg\" alt='' data-no-retina width=\"1200\" height=\"628\" \/>\n<div class=\"overlay-title-excerpt-hover overlay-hide theme-overlay textcenter\">\n\t<div class=\"overlay-table clr\">\n\t\t<div class=\"overlay-table-cell clr\">\n\t\t\t<div class=\"overlay-title\">Boulevard Grenelle<\/div>\n\t\t\t<div class=\"overlay-excerpt\"><p>Rehabilitation of the building located at number 123 of\u00a0Boulevard Grenelle. This is an office building&hellip;<\/p><\/div>\t\t<\/div>\n\t<\/div>\n<\/div><\/a><\/div><\/div><\/div>[\/vc_column][vc_column width=&#8221;1\/6&#8243;]<div class=\"vcex-module vcex-teaser vcex-teaser-one vc_custom_1543338298770\"><div class=\"vcex-teaser-content clr\"><h1 class=\"vcex-teaser-heading\">Corporate Buildings<\/h1><div class=\"vcex-teaser-text clr\"><p><span style=\"font-family: 'Open Sans'\"><strong>GARCIA FAURA<\/strong> provides technical solutions adapted to all types of requirements, combining aesthetic appearance with functionality<\/span><\/p>\n<\/div><\/div><\/div><div class=\"vc_custom_1559481054693 wpex-clr\"><div class=\"textcenter theme-button-expanded-wrap theme-button-wrap clr\"><a href=\"https:\/\/www.garciafaura.com\/en\/residential-complex-works-undertaken-by-garcia-faura\/\" title=\"Corporate premises completed by GARCIA FAURA\" class=\"vcex-button theme-button minimal-border small align-center expanded animate-on-hover expanded\" data-wpex-hover='{&quot;background&quot;:&quot;#d7515e&quot;,&quot;color&quot;:&quot;#000000&quot;}'><span class=\"theme-button-inner\">+ GARCIA FAURA projects<\/span><\/a><\/div><\/div> [\/vc_column][\/vc_row][vc_row full_width=&#8221;stretch_row_content&#8221; typography_style=&#8221;white&#8221; css=&#8221;.vc_custom_1543336958370{margin-right: 30px !important;margin-left: 15px !important;background-color: #000000 !important;background-position: center !important;background-repeat: no-repeat !important;background-size: cover !important;}&#8221;][vc_column width=&#8221;1\/6&#8243; css=&#8221;.vc_custom_1543335477433{margin-left: 30px !important;}&#8221;]<div class=\"vcex-module vcex-teaser vcex-teaser-one vc_custom_1543345252493\"><div class=\"vcex-teaser-content clr\"><h1 class=\"vcex-teaser-heading\" style=\"font-weight:600;\">Residential Complexes<\/h1><div class=\"vcex-teaser-text clr\"><p><span style=\"font-family: 'Open Sans'\"><strong>GARCIA FAURA<\/strong> has decades of experience in assisting with the construction of residential complexes. Aluminium and glass enclosures with high thermal and acoustic performance.<\/span><\/p>\n<\/div><\/div><\/div><div class=\"vc_custom_1559480995072 wpex-clr\"><div class=\"textcenter theme-button-expanded-wrap theme-button-wrap clr\"><a href=\"https:\/\/www.garciafaura.com\/en\/residential-complex-works-undertaken-by-garcia-faura\/\" title=\"Residential complex works undertaken by GARCIA FAURA\" class=\"vcex-button theme-button minimal-border small align-center expanded animate-on-hover expanded\" data-wpex-hover='{&quot;background&quot;:&quot;#d7515e&quot;,&quot;color&quot;:&quot;#000000&quot;}'><span class=\"theme-button-inner\">+ GARCIA FAURA projects<\/span><\/a><\/div><\/div> [\/vc_column][vc_column width=&#8221;5\/6&#8243;]<div class=\"vcex-spacing\" style=\"height:30px\"><\/div><div class=\"vcex-module wpex-carousel wpex-carousel-portfolio clr owl-carousel arrwstyle-min arrwpos-center\" data-wpex-carousel=\"{&quot;nav&quot;:true,&quot;dots&quot;:false,&quot;autoplay&quot;:false,&quot;loop&quot;:true,&quot;center&quot;:true,&quot;smartSpeed&quot;:160,&quot;items&quot;:3,&quot;slideBy&quot;:3,&quot;autoplayTimeout&quot;:5000,&quot;margin&quot;:5,&quot;itemsTablet&quot;:3,&quot;itemsMobileLandscape&quot;:2,&quot;itemsMobilePortrait&quot;:1,&quot;autoWidth&quot;:false,&quot;autoHeight&quot;:false}\"><div class=\"wpex-carousel-slide\"><div class=\"wpex-carousel-entry-media clr overlay-parent overlay-parent-title-excerpt-hover overlay-ms overlay-h\"><a href=\"https:\/\/www.garciafaura.com\/en\/portfolio-item\/promocio-central-park-llevant\/\" title=\"Promotion Central Park Llevant\" class=\"wpex-carousel-entry-img\"><img decoding=\"async\" data-no-lazy=\"1\" class=\"skip-lazy\" src=\"https:\/\/www.garciafaura.com\/wp-content\/uploads\/2024\/04\/100-Habitatges-Viladecans-7-x.jpg\" alt='' data-no-retina \/>\n<div class=\"overlay-title-excerpt-hover overlay-hide theme-overlay textcenter\">\n\t<div class=\"overlay-table clr\">\n\t\t<div class=\"overlay-table-cell clr\">\n\t\t\t<div class=\"overlay-title\">Promotion Central Park Llevant<\/div>\n\t\t\t<div class=\"overlay-excerpt\"><p>Aluminium and glass enclosures for the development of one hundred homes in the Llevant sector&hellip;<\/p><\/div>\t\t<\/div>\n\t<\/div>\n<\/div><\/a><\/div><\/div><div class=\"wpex-carousel-slide\"><div class=\"wpex-carousel-entry-media clr overlay-parent overlay-parent-title-excerpt-hover overlay-ms overlay-h\"><a href=\"https:\/\/www.garciafaura.com\/en\/portfolio-item\/torre-antares\/\" title=\"Antares Tower\" class=\"wpex-carousel-entry-img\"><img decoding=\"async\" data-no-lazy=\"1\" class=\"skip-lazy\" src=\"https:\/\/www.garciafaura.com\/wp-content\/uploads\/2024\/02\/Torre-Antares-01-x.jpg\" alt='' data-no-retina \/>\n<div class=\"overlay-title-excerpt-hover overlay-hide theme-overlay textcenter\">\n\t<div class=\"overlay-table clr\">\n\t\t<div class=\"overlay-table-cell clr\">\n\t\t\t<div class=\"overlay-title\">Antares Tower<\/div>\n\t\t\t<div class=\"overlay-excerpt\"><p>Execution of the envelope of this 26-storey residential complex, designed by the architectural studio of&hellip;<\/p><\/div>\t\t<\/div>\n\t<\/div>\n<\/div><\/a><\/div><\/div><div class=\"wpex-carousel-slide\"><div class=\"wpex-carousel-entry-media clr overlay-parent overlay-parent-title-excerpt-hover overlay-ms overlay-h\"><a href=\"https:\/\/www.garciafaura.com\/en\/portfolio-item\/residencial-blue-badalona\/\" title=\"Residential Blue Badalona\" class=\"wpex-carousel-entry-img\"><img decoding=\"async\" data-no-lazy=\"1\" class=\"skip-lazy\" src=\"https:\/\/www.garciafaura.com\/wp-content\/uploads\/2023\/02\/Residencial-Blue-Badalona-09-x.jpg\" alt='' data-no-retina \/>\n<div class=\"overlay-title-excerpt-hover overlay-hide theme-overlay textcenter\">\n\t<div class=\"overlay-table clr\">\n\t\t<div class=\"overlay-table-cell clr\">\n\t\t\t<div class=\"overlay-title\">Residential Blue Badalona<\/div>\n\t\t\t<div class=\"overlay-excerpt\"><p>Aluminium and glass enclosures for a residential development of 148 homes in the port of&hellip;<\/p><\/div>\t\t<\/div>\n\t<\/div>\n<\/div><\/a><\/div><\/div><div class=\"wpex-carousel-slide\"><div class=\"wpex-carousel-entry-media clr overlay-parent overlay-parent-title-excerpt-hover overlay-ms overlay-h\"><a href=\"https:\/\/www.garciafaura.com\/en\/portfolio-item\/promocio-cosme-toda\/\" title=\"Cosme Toda promotion\" class=\"wpex-carousel-entry-img\"><img decoding=\"async\" data-no-lazy=\"1\" class=\"skip-lazy\" src=\"https:\/\/www.garciafaura.com\/wp-content\/uploads\/2022\/02\/Cosme-Toda-31-x.jpg\" alt='' data-no-retina \/>\n<div class=\"overlay-title-excerpt-hover overlay-hide theme-overlay textcenter\">\n\t<div class=\"overlay-table clr\">\n\t\t<div class=\"overlay-table-cell clr\">\n\t\t\t<div class=\"overlay-title\">Cosme Toda promotion<\/div>\n\t\t\t<div class=\"overlay-excerpt\"><p>Enclosures for the 367 homes planned on the grounds of the former Cosme Toda factory&hellip;<\/p><\/div>\t\t<\/div>\n\t<\/div>\n<\/div><\/a><\/div><\/div><div class=\"wpex-carousel-slide\"><div class=\"wpex-carousel-entry-media clr overlay-parent overlay-parent-title-excerpt-hover overlay-ms overlay-h\"><a href=\"https:\/\/www.garciafaura.com\/en\/portfolio-item\/residencial-voramar\/\" title=\"Residential Voramar\" class=\"wpex-carousel-entry-img\"><img decoding=\"async\" data-no-lazy=\"1\" class=\"skip-lazy\" src=\"https:\/\/www.garciafaura.com\/wp-content\/uploads\/2021\/10\/Voramar-Badalona-01-x.jpg\" alt='' data-no-retina \/>\n<div class=\"overlay-title-excerpt-hover overlay-hide theme-overlay textcenter\">\n\t<div class=\"overlay-table clr\">\n\t\t<div class=\"overlay-table-cell clr\">\n\t\t\t<div class=\"overlay-title\">Residential Voramar<\/div>\n\t\t\t<div class=\"overlay-excerpt\"><p>Aluminium enclosures for a residential complex of 90 flats and commercial premises in Badalona (Barcelona).<\/p><\/div>\t\t<\/div>\n\t<\/div>\n<\/div><\/a><\/div><\/div><div class=\"wpex-carousel-slide\"><div class=\"wpex-carousel-entry-media clr overlay-parent overlay-parent-title-excerpt-hover overlay-ms overlay-h\"><a href=\"https:\/\/www.garciafaura.com\/en\/portfolio-item\/apartaments-tembo-suites\/\" title=\"Tembo Suites Apartments\" class=\"wpex-carousel-entry-img\"><img decoding=\"async\" data-no-lazy=\"1\" class=\"skip-lazy\" src=\"https:\/\/www.garciafaura.com\/wp-content\/uploads\/2021\/10\/Tembo-suites-Barcelona-51-x.jpg\" alt='' data-no-retina \/>\n<div class=\"overlay-title-excerpt-hover overlay-hide theme-overlay textcenter\">\n\t<div class=\"overlay-table clr\">\n\t\t<div class=\"overlay-table-cell clr\">\n\t\t\t<div class=\"overlay-title\">Tembo Suites Apartments<\/div>\n\t\t\t<div class=\"overlay-excerpt\"><p>Development of curtain walls (1,000 square meters) and aluminum enclosures (600 units) for newly built&hellip;<\/p><\/div>\t\t<\/div>\n\t<\/div>\n<\/div><\/a><\/div><\/div><div class=\"wpex-carousel-slide\"><div class=\"wpex-carousel-entry-media clr overlay-parent overlay-parent-title-excerpt-hover overlay-ms overlay-h\"><a href=\"https:\/\/www.garciafaura.com\/en\/portfolio-item\/residencia-destudiants-valeo-22\/\" title=\"Student residence Valeo 22@\" class=\"wpex-carousel-entry-img\"><img decoding=\"async\" data-no-lazy=\"1\" class=\"skip-lazy\" src=\"https:\/\/www.garciafaura.com\/wp-content\/uploads\/2021\/10\/Residencia-Valeo-13-x.jpg\" alt='' data-no-retina \/>\n<div class=\"overlay-title-excerpt-hover overlay-hide theme-overlay textcenter\">\n\t<div class=\"overlay-table clr\">\n\t\t<div class=\"overlay-table-cell clr\">\n\t\t\t<div class=\"overlay-title\">Student residence Valeo 22@<\/div>\n\t\t\t<div class=\"overlay-excerpt\"><p>Manufacture and installation of 600 aluminum and glass enclosures for the newly built student residence&hellip;<\/p><\/div>\t\t<\/div>\n\t<\/div>\n<\/div><\/a><\/div><\/div><div class=\"wpex-carousel-slide\"><div class=\"wpex-carousel-entry-media clr overlay-parent overlay-parent-title-excerpt-hover overlay-ms overlay-h\"><a href=\"https:\/\/www.garciafaura.com\/en\/portfolio-item\/residencial-the-kube\/\" title=\"The Kube residential building\" class=\"wpex-carousel-entry-img\"><img decoding=\"async\" data-no-lazy=\"1\" class=\"skip-lazy\" src=\"https:\/\/www.garciafaura.com\/wp-content\/uploads\/2021\/06\/Kube-Tarragona-20-x.jpg\" alt='' data-no-retina \/>\n<div class=\"overlay-title-excerpt-hover overlay-hide theme-overlay textcenter\">\n\t<div class=\"overlay-table clr\">\n\t\t<div class=\"overlay-table-cell clr\">\n\t\t\t<div class=\"overlay-title\">The Kube residential building<\/div>\n\t\t\t<div class=\"overlay-excerpt\"><p>Manufacture and installation of 6,500 square metres of aluminium windows and doors with sliding and&hellip;<\/p><\/div>\t\t<\/div>\n\t<\/div>\n<\/div><\/a><\/div><\/div><div class=\"wpex-carousel-slide\"><div class=\"wpex-carousel-entry-media clr overlay-parent overlay-parent-title-excerpt-hover overlay-ms overlay-h\"><a href=\"https:\/\/www.garciafaura.com\/en\/portfolio-item\/estronci-street-promotion\/\" title=\"Estronci Street Promotion\" class=\"wpex-carousel-entry-img\"><img decoding=\"async\" data-no-lazy=\"1\" class=\"skip-lazy\" src=\"https:\/\/www.garciafaura.com\/wp-content\/uploads\/2019\/10\/13080-01-x.jpg\" alt=\"Development Of Facades And Aluminum Enclosures For A Tower Of 55 Newly Built Homes In L'Hospitalet De Llobregat (Barcelona).\" data-no-retina \/>\n<div class=\"overlay-title-excerpt-hover overlay-hide theme-overlay textcenter\">\n\t<div class=\"overlay-table clr\">\n\t\t<div class=\"overlay-table-cell clr\">\n\t\t\t<div class=\"overlay-title\">Estronci Street Promotion<\/div>\n\t\t\t<div class=\"overlay-excerpt\"><p>Development of facades and aluminum enclosures for a tower of 55 newly built homes in&hellip;<\/p><\/div>\t\t<\/div>\n\t<\/div>\n<\/div><\/a><\/div><\/div><div class=\"wpex-carousel-slide\"><div class=\"wpex-carousel-entry-media clr overlay-parent overlay-parent-title-excerpt-hover overlay-ms overlay-h\"><a href=\"https:\/\/www.garciafaura.com\/en\/portfolio-item\/volpelleres-residential\/\" title=\"Volpelleres Residential\" class=\"wpex-carousel-entry-img\"><img decoding=\"async\" data-no-lazy=\"1\" class=\"skip-lazy\" src=\"https:\/\/www.garciafaura.com\/wp-content\/uploads\/2019\/09\/Residencial-Volpelleres-01-x.jpg\" alt=\"Aluminum And Glass Enclosures Of High Technical Features For Residential Complexes In Sant Cugat Del Vall\u00e8s (Barcelona)\" data-no-retina \/>\n<div class=\"overlay-title-excerpt-hover overlay-hide theme-overlay textcenter\">\n\t<div class=\"overlay-table clr\">\n\t\t<div class=\"overlay-table-cell clr\">\n\t\t\t<div class=\"overlay-title\">Volpelleres Residential<\/div>\n\t\t\t<div class=\"overlay-excerpt\"><p>Aluminum and glass enclosures of high technical features for residential complexes in Sant Cugat del&hellip;<\/p><\/div>\t\t<\/div>\n\t<\/div>\n<\/div><\/a><\/div><\/div><div class=\"wpex-carousel-slide\"><div class=\"wpex-carousel-entry-media clr overlay-parent overlay-parent-title-excerpt-hover overlay-ms overlay-h\"><a href=\"https:\/\/www.garciafaura.com\/en\/portfolio-item\/torre-vitrvm\/\" title=\"Tower Vitrvm\" class=\"wpex-carousel-entry-img\"><img decoding=\"async\" data-no-lazy=\"1\" class=\"skip-lazy\" src=\"https:\/\/www.garciafaura.com\/wp-content\/uploads\/2019\/09\/Torre-Vitrvm-01-x.jpg\" alt='' data-no-retina \/>\n<div class=\"overlay-title-excerpt-hover overlay-hide theme-overlay textcenter\">\n\t<div class=\"overlay-table clr\">\n\t\t<div class=\"overlay-table-cell clr\">\n\t\t\t<div class=\"overlay-title\">Tower Vitrvm<\/div>\n\t\t\t<div class=\"overlay-excerpt\"><p>Bogot\u00e1. Year of completion: 2018 Architect: Richard Meier\u00a0Work surface area:\u00a0Glass facade: 6.890 m\u00b2| Enclosures: 356&hellip;<\/p><\/div>\t\t<\/div>\n\t<\/div>\n<\/div><\/a><\/div><\/div><div class=\"wpex-carousel-slide\"><div class=\"wpex-carousel-entry-media clr overlay-parent overlay-parent-title-excerpt-hover overlay-ms overlay-h\"><a href=\"https:\/\/www.garciafaura.com\/en\/portfolio-item\/can-trabal-residential\/\" title=\"Can Trabal Residential\" class=\"wpex-carousel-entry-img\"><img decoding=\"async\" data-no-lazy=\"1\" class=\"skip-lazy\" src=\"https:\/\/www.garciafaura.com\/wp-content\/uploads\/2019\/09\/Can-Trabal-01-x.jpg\" alt=\"Resid\u00e8ncia Can Trabal\" data-no-retina \/>\n<div class=\"overlay-title-excerpt-hover overlay-hide theme-overlay textcenter\">\n\t<div class=\"overlay-table clr\">\n\t\t<div class=\"overlay-table-cell clr\">\n\t\t\t<div class=\"overlay-title\">Can Trabal Residential<\/div>\n\t\t\t<div class=\"overlay-excerpt\"><p>Aluminum enclosures for exclusive housing complex in the new residential sector of Sant Cugat del&hellip;<\/p><\/div>\t\t<\/div>\n\t<\/div>\n<\/div><\/a><\/div><\/div><div class=\"wpex-carousel-slide\"><div class=\"wpex-carousel-entry-media clr overlay-parent overlay-parent-title-excerpt-hover overlay-ms overlay-h\"><a href=\"https:\/\/www.garciafaura.com\/en\/portfolio-item\/residential-unic-badalona\/\" title=\"Residential \u00danic Badalona\" class=\"wpex-carousel-entry-img\"><img decoding=\"async\" data-no-lazy=\"1\" class=\"skip-lazy\" src=\"https:\/\/www.garciafaura.com\/wp-content\/uploads\/2019\/09\/Residencial-U\u0301nic-Badalona-01-x.jpg\" alt='' data-no-retina \/>\n<div class=\"overlay-title-excerpt-hover overlay-hide theme-overlay textcenter\">\n\t<div class=\"overlay-table clr\">\n\t\t<div class=\"overlay-table-cell clr\">\n\t\t\t<div class=\"overlay-title\">Residential \u00danic Badalona<\/div>\n\t\t\t<div class=\"overlay-excerpt\"><p>Manufacture and installation of enclosures for the promotion of 106 homes located in the new&hellip;<\/p><\/div>\t\t<\/div>\n\t<\/div>\n<\/div><\/a><\/div><\/div><div class=\"wpex-carousel-slide\"><div class=\"wpex-carousel-entry-media clr overlay-parent overlay-parent-title-excerpt-hover overlay-ms overlay-h\"><a href=\"https:\/\/www.garciafaura.com\/en\/portfolio-item\/kronos-badalona-promotion\/\" title=\"Kronos Badalona promotion\" class=\"wpex-carousel-entry-img\"><img decoding=\"async\" data-no-lazy=\"1\" class=\"skip-lazy\" src=\"https:\/\/www.garciafaura.com\/wp-content\/uploads\/2019\/07\/1-x.jpg\" alt='' data-no-retina \/>\n<div class=\"overlay-title-excerpt-hover overlay-hide theme-overlay textcenter\">\n\t<div class=\"overlay-table clr\">\n\t\t<div class=\"overlay-table-cell clr\">\n\t\t\t<div class=\"overlay-title\">Kronos Badalona promotion<\/div>\n\t\t\t<div class=\"overlay-excerpt\"><p>Aluminum and glass enclosures for 252 homes in the Port of Badalona<\/p><\/div>\t\t<\/div>\n\t<\/div>\n<\/div><\/a><\/div><\/div><div class=\"wpex-carousel-slide\"><div class=\"wpex-carousel-entry-media clr overlay-parent overlay-parent-title-excerpt-hover overlay-ms overlay-h\"><a href=\"https:\/\/www.garciafaura.com\/en\/portfolio-item\/la-marina-development\/\" title=\"La Marina development\" class=\"wpex-carousel-entry-img\"><img decoding=\"async\" data-no-lazy=\"1\" class=\"skip-lazy\" src=\"https:\/\/www.garciafaura.com\/wp-content\/uploads\/2019\/04\/Residencial-La-Marina-Mataro\u0301-01-x.jpg\" alt='' data-no-retina \/>\n<div class=\"overlay-title-excerpt-hover overlay-hide theme-overlay textcenter\">\n\t<div class=\"overlay-table clr\">\n\t\t<div class=\"overlay-table-cell clr\">\n\t\t\t<div class=\"overlay-title\">La Marina development<\/div>\n\t\t\t<div class=\"overlay-excerpt\"><p>Aluminium enclosures for a housing development in Matar\u00f3 (Barcelona).<\/p><\/div>\t\t<\/div>\n\t<\/div>\n<\/div><\/a><\/div><\/div><div class=\"wpex-carousel-slide\"><div class=\"wpex-carousel-entry-media clr overlay-parent overlay-parent-title-excerpt-hover overlay-ms overlay-h\"><a href=\"https:\/\/www.garciafaura.com\/en\/portfolio-item\/comte-borrell-development\/\" title=\"Comte Borrell development\" class=\"wpex-carousel-entry-img\"><img decoding=\"async\" data-no-lazy=\"1\" class=\"skip-lazy\" src=\"https:\/\/www.garciafaura.com\/wp-content\/uploads\/2019\/04\/Promocio-Comte-Borrell-02-x.jpg\" alt='' data-no-retina \/>\n<div class=\"overlay-title-excerpt-hover overlay-hide theme-overlay textcenter\">\n\t<div class=\"overlay-table clr\">\n\t\t<div class=\"overlay-table-cell clr\">\n\t\t\t<div class=\"overlay-title\">Comte Borrell development<\/div>\n\t\t\t<div class=\"overlay-excerpt\"><p>Aluminium enclosures for a public development in Barcelona<\/p><\/div>\t\t<\/div>\n\t<\/div>\n<\/div><\/a><\/div><\/div><div class=\"wpex-carousel-slide\"><div class=\"wpex-carousel-entry-media clr overlay-parent overlay-parent-title-excerpt-hover overlay-ms overlay-h\"><a href=\"https:\/\/www.garciafaura.com\/en\/portfolio-item\/industria-ponent-badalona-development\/\" title=\"Industria Ponent Badalona development\" class=\"wpex-carousel-entry-img\"><img decoding=\"async\" data-no-lazy=\"1\" class=\"skip-lazy\" src=\"https:\/\/www.garciafaura.com\/wp-content\/uploads\/2019\/04\/13112-15-x.jpg\" alt='' data-no-retina \/>\n<div class=\"overlay-title-excerpt-hover overlay-hide theme-overlay textcenter\">\n\t<div class=\"overlay-table clr\">\n\t\t<div class=\"overlay-table-cell clr\">\n\t\t\t<div class=\"overlay-title\">Industria Ponent Badalona development<\/div>\n\t\t\t<div class=\"overlay-excerpt\"><p>Aluminium enclosures for residences in Badalona (Barcelona).<\/p><\/div>\t\t<\/div>\n\t<\/div>\n<\/div><\/a><\/div><\/div><div class=\"wpex-carousel-slide\"><div class=\"wpex-carousel-entry-media clr overlay-parent overlay-parent-title-excerpt-hover overlay-ms overlay-h\"><a href=\"https:\/\/www.garciafaura.com\/en\/portfolio-item\/torre-diagonal-development\/\" title=\"Torre Diagonal development\" class=\"wpex-carousel-entry-img\"><img decoding=\"async\" data-no-lazy=\"1\" class=\"skip-lazy\" src=\"https:\/\/www.garciafaura.com\/wp-content\/uploads\/2018\/10\/Promocio-Torre-Diagonal-01-x.jpg\" alt=\"Enclosures For 125 Residences In A 26-storey Tower In Barcelona\" data-no-retina \/>\n<div class=\"overlay-title-excerpt-hover overlay-hide theme-overlay textcenter\">\n\t<div class=\"overlay-table clr\">\n\t\t<div class=\"overlay-table-cell clr\">\n\t\t\t<div class=\"overlay-title\">Torre Diagonal development<\/div>\n\t\t\t<div class=\"overlay-excerpt\"><p>Barcelona. Year of completion: 2016 Project surface area: Enclosures: 825 units | Glazing: 2,760 m\u00b2&hellip;<\/p><\/div>\t\t<\/div>\n\t<\/div>\n<\/div><\/a><\/div><\/div><div class=\"wpex-carousel-slide\"><div class=\"wpex-carousel-entry-media clr overlay-parent overlay-parent-title-excerpt-hover overlay-ms overlay-h\"><a href=\"https:\/\/www.garciafaura.com\/en\/portfolio-item\/dalt-la-vila-development\/\" title=\"Dalt La Vila development\" class=\"wpex-carousel-entry-img\"><img decoding=\"async\" data-no-lazy=\"1\" class=\"skip-lazy\" src=\"https:\/\/www.garciafaura.com\/wp-content\/uploads\/2018\/09\/Promocio-Dalt-Vila-Badalona-01-x.jpg\" alt=\"Enclosures In The Residential Development At Badalona\" data-no-retina \/>\n<div class=\"overlay-title-excerpt-hover overlay-hide theme-overlay textcenter\">\n\t<div class=\"overlay-table clr\">\n\t\t<div class=\"overlay-table-cell clr\">\n\t\t\t<div class=\"overlay-title\">Dalt La Vila development<\/div>\n\t\t\t<div class=\"overlay-excerpt\"><p>Enclosures in the residential development at Badalona<\/p><\/div>\t\t<\/div>\n\t<\/div>\n<\/div><\/a><\/div><\/div><div class=\"wpex-carousel-slide\"><div class=\"wpex-carousel-entry-media clr overlay-parent overlay-parent-title-excerpt-hover overlay-ms overlay-h\"><a href=\"https:\/\/www.garciafaura.com\/en\/portfolio-item\/biosca-developments\/\" title=\"Biosca Developments\" class=\"wpex-carousel-entry-img\"><img decoding=\"async\" data-no-lazy=\"1\" class=\"skip-lazy\" src=\"https:\/\/www.garciafaura.com\/wp-content\/uploads\/2018\/11\/Promocio\u0301-carrer-Biosca-01-x.jpg\" alt=\"Aluminium Enclosures For 3 Residential Buildings In Barcelona.\" data-no-retina \/>\n<div class=\"overlay-title-excerpt-hover overlay-hide theme-overlay textcenter\">\n\t<div class=\"overlay-table clr\">\n\t\t<div class=\"overlay-table-cell clr\">\n\t\t\t<div class=\"overlay-title\">Biosca Developments<\/div>\n\t\t\t<div class=\"overlay-excerpt\"><p>Aluminium enclosures for 3 residential buildings in Barcelona.<\/p><\/div>\t\t<\/div>\n\t<\/div>\n<\/div><\/a><\/div><\/div><div class=\"wpex-carousel-slide\"><div class=\"wpex-carousel-entry-media clr overlay-parent overlay-parent-title-excerpt-hover overlay-ms overlay-h\"><a href=\"https:\/\/www.garciafaura.com\/en\/portfolio-item\/sant-just-development\/\" title=\"Sant Just development\" class=\"wpex-carousel-entry-img\"><img decoding=\"async\" data-no-lazy=\"1\" class=\"skip-lazy\" src=\"https:\/\/www.garciafaura.com\/wp-content\/uploads\/2018\/10\/Promocio\u0301-Sant-Just-01-x.jpg\" alt=\"96-residence Development In Sant Just Desvern\" data-no-retina \/>\n<div class=\"overlay-title-excerpt-hover overlay-hide theme-overlay textcenter\">\n\t<div class=\"overlay-table clr\">\n\t\t<div class=\"overlay-table-cell clr\">\n\t\t\t<div class=\"overlay-title\">Sant Just development<\/div>\n\t\t\t<div class=\"overlay-excerpt\"><p>Sant Just Desvern. Year of completion: 2015 Project surface area: Enclosures: 1,390 m\u00b2 Residential development&hellip;<\/p><\/div>\t\t<\/div>\n\t<\/div>\n<\/div><\/a><\/div><\/div><div class=\"wpex-carousel-slide\"><div class=\"wpex-carousel-entry-media clr overlay-parent overlay-parent-title-excerpt-hover overlay-ms overlay-h\"><a href=\"https:\/\/www.garciafaura.com\/en\/portfolio-item\/badalona-port-development\/\" title=\"Badalona Port development\" class=\"wpex-carousel-entry-img\"><img decoding=\"async\" data-no-lazy=\"1\" class=\"skip-lazy\" src=\"https:\/\/www.garciafaura.com\/wp-content\/uploads\/2018\/11\/Promocio\u0301-Badalona-Port-01-x.jpg\" alt=\"750 Aluminium Enclosures For The New Development In Badalona\" data-no-retina \/>\n<div class=\"overlay-title-excerpt-hover overlay-hide theme-overlay textcenter\">\n\t<div class=\"overlay-table clr\">\n\t\t<div class=\"overlay-table-cell clr\">\n\t\t\t<div class=\"overlay-title\">Badalona Port development<\/div>\n\t\t\t<div class=\"overlay-excerpt\"><p>750 aluminium enclosures for the new development in Badalona<\/p><\/div>\t\t<\/div>\n\t<\/div>\n<\/div><\/a><\/div><\/div><div class=\"wpex-carousel-slide\"><div class=\"wpex-carousel-entry-media clr overlay-parent overlay-parent-title-excerpt-hover overlay-ms overlay-h\"><a href=\"https:\/\/www.garciafaura.com\/en\/portfolio-item\/josep-irla-development\/\" title=\"Josep Irla development\" class=\"wpex-carousel-entry-img\"><img decoding=\"async\" data-no-lazy=\"1\" class=\"skip-lazy\" src=\"https:\/\/www.garciafaura.com\/wp-content\/uploads\/2018\/11\/Promocio\u0301-Josep-Irla-Sitges-04-x.jpg\" alt=\"Aluminium And Glazed Enclosures For The Residential Complex In Sitges\" data-no-retina \/>\n<div class=\"overlay-title-excerpt-hover overlay-hide theme-overlay textcenter\">\n\t<div class=\"overlay-table clr\">\n\t\t<div class=\"overlay-table-cell clr\">\n\t\t\t<div class=\"overlay-title\">Josep Irla development<\/div>\n\t\t\t<div class=\"overlay-excerpt\"><p>Aluminium and glazed enclosures for the residential complex in Sitges<\/p><\/div>\t\t<\/div>\n\t<\/div>\n<\/div><\/a><\/div><\/div><div class=\"wpex-carousel-slide\"><div class=\"wpex-carousel-entry-media clr overlay-parent overlay-parent-title-excerpt-hover overlay-ms overlay-h\"><a href=\"https:\/\/www.garciafaura.com\/en\/portfolio-item\/gran-balmes-building\/\" title=\"Gran Balmes building\" class=\"wpex-carousel-entry-img\"><img decoding=\"async\" data-no-lazy=\"1\" class=\"skip-lazy\" src=\"https:\/\/www.garciafaura.com\/wp-content\/uploads\/2019\/01\/IMG_9089-x.jpg\" alt=\"Aluminium And Glazed Enclosures For The Residential Building In Barcelona\" data-no-retina \/>\n<div class=\"overlay-title-excerpt-hover overlay-hide theme-overlay textcenter\">\n\t<div class=\"overlay-table clr\">\n\t\t<div class=\"overlay-table-cell clr\">\n\t\t\t<div class=\"overlay-title\">Gran Balmes building<\/div>\n\t\t\t<div class=\"overlay-excerpt\"><p>Aluminium and glazed enclosures for the residential building in Barcelona<\/p><\/div>\t\t<\/div>\n\t<\/div>\n<\/div><\/a><\/div><\/div><div class=\"wpex-carousel-slide\"><div class=\"wpex-carousel-entry-media clr overlay-parent overlay-parent-title-excerpt-hover overlay-ms overlay-h\"><a href=\"https:\/\/www.garciafaura.com\/en\/portfolio-item\/doctor-carulla-residences\/\" title=\"Doctor Carulla residences\" class=\"wpex-carousel-entry-img\"><img decoding=\"async\" data-no-lazy=\"1\" class=\"skip-lazy\" src=\"https:\/\/www.garciafaura.com\/wp-content\/uploads\/2018\/11\/Doctor-Carulla-000-x.jpg\" alt='' data-no-retina \/>\n<div class=\"overlay-title-excerpt-hover overlay-hide theme-overlay textcenter\">\n\t<div class=\"overlay-table clr\">\n\t\t<div class=\"overlay-table-cell clr\">\n\t\t\t<div class=\"overlay-title\">Doctor Carulla residences<\/div>\n\t\t\t<div class=\"overlay-excerpt\"><p>Facade architecture and a set of enclosures for the modern residential complex<\/p><\/div>\t\t<\/div>\n\t<\/div>\n<\/div><\/a><\/div><\/div><div class=\"wpex-carousel-slide\"><div class=\"wpex-carousel-entry-media clr overlay-parent overlay-parent-title-excerpt-hover overlay-ms overlay-h\"><a href=\"https:\/\/www.garciafaura.com\/en\/portfolio-item\/tordera-mataro-development\/\" title=\"Tordera Matar\u00f3 development\" class=\"wpex-carousel-entry-img\"><img decoding=\"async\" data-no-lazy=\"1\" class=\"skip-lazy\" src=\"https:\/\/www.garciafaura.com\/wp-content\/uploads\/2018\/12\/Promocio\u0301-Mataro\u0301-carrer-Tordera-02-x.jpg\" alt=\"Aluminium Enclosures For The 60-residence Development In Matar\u00f3\" data-no-retina \/>\n<div class=\"overlay-title-excerpt-hover overlay-hide theme-overlay textcenter\">\n\t<div class=\"overlay-table clr\">\n\t\t<div class=\"overlay-table-cell clr\">\n\t\t\t<div class=\"overlay-title\">Tordera Matar\u00f3 development<\/div>\n\t\t\t<div class=\"overlay-excerpt\"><p>Aluminium enclosures for the 60-residence development in Matar\u00f3<\/p><\/div>\t\t<\/div>\n\t<\/div>\n<\/div><\/a><\/div><\/div><div class=\"wpex-carousel-slide\"><div class=\"wpex-carousel-entry-media clr overlay-parent overlay-parent-title-excerpt-hover overlay-ms overlay-h\"><a href=\"https:\/\/www.garciafaura.com\/en\/portfolio-item\/torre-europa-residential-development\/\" title=\"Torre Europa residential development\" class=\"wpex-carousel-entry-img\"><img decoding=\"async\" data-no-lazy=\"1\" class=\"skip-lazy\" src=\"https:\/\/www.garciafaura.com\/wp-content\/uploads\/2018\/12\/Residencial-Torre-Europa-01-x.jpg\" alt=\"Enclosures For A 90-residence Building In L'Hospitalet De Llobregat\" data-no-retina \/>\n<div class=\"overlay-title-excerpt-hover overlay-hide theme-overlay textcenter\">\n\t<div class=\"overlay-table clr\">\n\t\t<div class=\"overlay-table-cell clr\">\n\t\t\t<div class=\"overlay-title\">Torre Europa residential development<\/div>\n\t\t\t<div class=\"overlay-excerpt\"><p>Enclosures for a 90-residence building in L'Hospitalet de Llobregat<\/p><\/div>\t\t<\/div>\n\t<\/div>\n<\/div><\/a><\/div><\/div><div class=\"wpex-carousel-slide\"><div class=\"wpex-carousel-entry-media clr overlay-parent overlay-parent-title-excerpt-hover overlay-ms overlay-h\"><a href=\"https:\/\/www.garciafaura.com\/en\/portfolio-item\/antoni-agrz-development\/\" title=\"Antoni Agraz development\" class=\"wpex-carousel-entry-img\"><img decoding=\"async\" data-no-lazy=\"1\" class=\"skip-lazy\" src=\"https:\/\/www.garciafaura.com\/wp-content\/uploads\/2018\/12\/Promocio\u0301-Antoni-Agraz-Sant-Cugat-01-x.jpg\" alt=\"Glazed Aluminium Enclosures In The Residential Development In Ant Cugat Del Vall\u00e8s\" data-no-retina \/>\n<div class=\"overlay-title-excerpt-hover overlay-hide theme-overlay textcenter\">\n\t<div class=\"overlay-table clr\">\n\t\t<div class=\"overlay-table-cell clr\">\n\t\t\t<div class=\"overlay-title\">Antoni Agraz development<\/div>\n\t\t\t<div class=\"overlay-excerpt\"><p>Glazed aluminium enclosures in the residential development in ant Cugat del Vall\u00e8s<\/p><\/div>\t\t<\/div>\n\t<\/div>\n<\/div><\/a><\/div><\/div><div class=\"wpex-carousel-slide\"><div class=\"wpex-carousel-entry-media clr overlay-parent overlay-parent-title-excerpt-hover overlay-ms overlay-h\"><a href=\"https:\/\/www.garciafaura.com\/en\/portfolio-item\/celere-residence\/\" title=\"Residencial Diagonal Port\" class=\"wpex-carousel-entry-img\"><img decoding=\"async\" data-no-lazy=\"1\" class=\"skip-lazy\" src=\"https:\/\/www.garciafaura.com\/wp-content\/uploads\/2019\/04\/12669-01-x.jpg\" alt=\"Aluminum And Glass Enclosures In High-performance Residential Development In Barcelona\" data-no-retina \/>\n<div class=\"overlay-title-excerpt-hover overlay-hide theme-overlay textcenter\">\n\t<div class=\"overlay-table clr\">\n\t\t<div class=\"overlay-table-cell clr\">\n\t\t\t<div class=\"overlay-title\">Residencial Diagonal Port<\/div>\n\t\t\t<div class=\"overlay-excerpt\"><p>Aluminum and glass enclosures in high-performance residential development in Barcelona<\/p><\/div>\t\t<\/div>\n\t<\/div>\n<\/div><\/a><\/div><\/div><\/div>[\/vc_column][\/vc_row][vc_row full_width=&#8221;stretch_row&#8221; equal_height=&#8221;yes&#8221; css=&#8221;.vc_custom_1543345712599{margin-top: 30px !important;}&#8221;][vc_column]<h3 class=\"vcex-heading-link-wrap clr\"><a class=\"vcex-module vcex-heading vcex-heading-bottom-border-w-color local-scroll-link\" href=\"https:\/\/www.garciafaura.com\/actualitat\/\" title=\"Actualitat GARCIA FAURA\" style=\"font-weight:600;border-bottom-color:#000000;\"><span class=\"vcex-heading-inner clr\" style=\"border-color:#d7515e;\">GARCIA FAURA News<\/span><\/a><\/h3><div class=\"vcex-spacing\" style=\"height:30px\"><\/div><div class=\"vcex-module vcex-blog-grid-wrap vcex-clr\"><div class=\"wpex-row vcex-blog-grid wpex-clr entries gap-5 match-height-grid\"><div class=\"vcex-blog-entry vcex-grid-item entry-has-details span_1_of_3 col-1 col post-42180 entry type-post has-media cat-14 translation_priority-15\"><div class=\"vcex-blog-entry-inner entry-inner wpex-clr\"><div class=\"vcex-blog-entry-media entry-media\"><a href=\"https:\/\/www.garciafaura.com\/en\/garcia-faura-crea-una-nova-divisio-de-manteniments\/\" title=\"GARCIA FAURA launches a new Maintenance Division\"><img loading=\"lazy\" decoding=\"async\" class=\"vcex-blog-entry-img\" src=\"https:\/\/www.garciafaura.com\/wp-content\/uploads\/2026\/03\/Divisio-Manteniments-Garcia-Faura-2-600x400.jpg\" alt='' data-no-retina width=\"600\" height=\"400\" \/><\/a><\/div><div class=\"vcex-blog-entry-details entry-details wpex-clr\"><div class=\"match-height-content\"><h2 class=\"vcex-blog-entry-title entry-title\"><a href=\"https:\/\/www.garciafaura.com\/en\/garcia-faura-crea-una-nova-divisio-de-manteniments\/\">GARCIA FAURA launches a new Maintenance Division<\/a><\/h2><div class=\"vcex-blog-entry-excerpt entry-excerpt entry clr\"><p>GARCIA FAURA has launched its new Maintenance Division, with the aim of&hellip;<\/p><\/div><div class=\"vcex-blog-entry-readmore-wrap entry-readmore-wrap clr\"><a href=\"https:\/\/www.garciafaura.com\/en\/garcia-faura-crea-una-nova-divisio-de-manteniments\/\" class=\"theme-button minimal-border\" data-wpex-hover=\"{&quot;background&quot;:&quot;#d7515e&quot;,&quot;color&quot;:&quot;#000000&quot;}\">Further information <span class=\"vcex-readmore-rarr\">&rarr;<\/span><\/a><\/div><\/div><\/div><\/div><\/div><div class=\"vcex-blog-entry vcex-grid-item entry-has-details span_1_of_3 col-2 col post-42045 entry type-post has-media cat-14 translation_priority-15\"><div class=\"vcex-blog-entry-inner entry-inner wpex-clr\"><div class=\"vcex-blog-entry-media entry-media\"><a href=\"https:\/\/www.garciafaura.com\/en\/el-miteco-confia-en-garcia-faura-per-a-la-renovacio-de-la-seva-seu-historica\/\" title=\"MITECO entrusts GARCIA FAURA with the renovation of its historic headquarters\"><img loading=\"lazy\" decoding=\"async\" class=\"vcex-blog-entry-img\" src=\"https:\/\/www.garciafaura.com\/wp-content\/uploads\/2026\/03\/Sede-MITECO-600x400.png\" alt='' data-no-retina width=\"600\" height=\"400\" \/><\/a><\/div><div class=\"vcex-blog-entry-details entry-details wpex-clr\"><div class=\"match-height-content\"><h2 class=\"vcex-blog-entry-title entry-title\"><a href=\"https:\/\/www.garciafaura.com\/en\/el-miteco-confia-en-garcia-faura-per-a-la-renovacio-de-la-seva-seu-historica\/\">MITECO entrusts GARCIA FAURA with the renovation of its historic headquarters<\/a><\/h2><div class=\"vcex-blog-entry-excerpt entry-excerpt entry clr\"><p>GARCIA FAURA is participating in the refurbishment of the headquarters of the&hellip;<\/p><\/div><div class=\"vcex-blog-entry-readmore-wrap entry-readmore-wrap clr\"><a href=\"https:\/\/www.garciafaura.com\/en\/el-miteco-confia-en-garcia-faura-per-a-la-renovacio-de-la-seva-seu-historica\/\" class=\"theme-button minimal-border\" data-wpex-hover=\"{&quot;background&quot;:&quot;#d7515e&quot;,&quot;color&quot;:&quot;#000000&quot;}\">Further information <span class=\"vcex-readmore-rarr\">&rarr;<\/span><\/a><\/div><\/div><\/div><\/div><\/div><div class=\"vcex-blog-entry vcex-grid-item entry-has-details span_1_of_3 col-3 col post-41739 entry type-post has-media cat-14 post_format-65 translation_priority-15\"><div class=\"vcex-blog-entry-inner entry-inner wpex-clr\"><div class=\"vcex-blog-entry-media entry-media\"><a href=\"https:\/\/www.garciafaura.com\/en\/garcia-faura-fabrica-i-installa-les-facanes-de-ledifici-unicas-sjd\/\" title=\"GARCIA FAURA manufactures and installs the fa\u00e7ades of the \u00danicas SJD building\"><img loading=\"lazy\" decoding=\"async\" class=\"vcex-blog-entry-img\" src=\"https:\/\/www.garciafaura.com\/wp-content\/uploads\/2025\/07\/Unicas-02-baixa-600x400.jpg\" alt='' data-no-retina width=\"600\" height=\"400\" \/><\/a><\/div><div class=\"vcex-blog-entry-details entry-details wpex-clr\"><div class=\"match-height-content\"><h2 class=\"vcex-blog-entry-title entry-title\"><a href=\"https:\/\/www.garciafaura.com\/en\/garcia-faura-fabrica-i-installa-les-facanes-de-ledifici-unicas-sjd\/\">GARCIA FAURA manufactures and installs the fa\u00e7ades of the \u00danicas SJD building<\/a><\/h2><div class=\"vcex-blog-entry-excerpt entry-excerpt entry clr\"><p>GARCIA FAURA manufactures and installs fa\u00e7ades, double skins, curtain walls, glass roofs&hellip;<\/p><\/div><div class=\"vcex-blog-entry-readmore-wrap entry-readmore-wrap clr\"><a href=\"https:\/\/www.garciafaura.com\/en\/garcia-faura-fabrica-i-installa-les-facanes-de-ledifici-unicas-sjd\/\" class=\"theme-button minimal-border\" data-wpex-hover=\"{&quot;background&quot;:&quot;#d7515e&quot;,&quot;color&quot;:&quot;#000000&quot;}\">Further information <span class=\"vcex-readmore-rarr\">&rarr;<\/span><\/a><\/div><\/div><\/div><\/div><\/div><\/div><\/div>[\/vc_column][\/vc_row][vc_row full_width=&#8221;stretch_row&#8221; equal_height=&#8221;yes&#8221; css=&#8221;.vc_custom_1667592424719{margin-top: 30px !important;background-color: #e5e5e5 !important;}&#8221;][vc_column width=&#8221;1\/4&#8243;]<div class=\"vcex-spacing\" style=\"height:100px\"><\/div>[vc_column_text css=&#8221;&#8221;]\n<p style=\"text-align: center;\"><span style=\"font-family: 'Open Sans'; font-size: 24px;\"><strong>Download our company presentation<\/strong><\/span><\/p>\n[\/vc_column_text][\/vc_column][vc_column width=&#8221;3\/4&#8243;]<div class=\"vcex-spacing\" style=\"height:30px\"><\/div>[vc_single_image image=&#8221;42015&#8243; img_size=&#8221;1200&#215;500&#8243; css_animation=&#8221;slideInRight&#8221; onclick=&#8221;custom_link&#8221; img_link_target=&#8221;_blank&#8221; css=&#8221;&#8221; link=&#8221;https:\/\/www.garciafaura.com\/wp-content\/uploads\/2026\/03\/GARCIAFAURA_Catalog.pdf&#8221; img_hover=&#8221;shrink&#8221;][\/vc_column][\/vc_row]\n<\/div>","protected":false},"excerpt":{"rendered":"<p>[vc_row full_width=&#8221;stretch_row_content&#8221; typography_style=&#8221;white&#8221; css=&#8221;.vc_custom_1543340787334{margin-right: 30px !important;background-color: #000000 !important;background-position: center !important;background-repeat: no-repeat !important;background-size: cover !important;}&#8221;][vc_column width=&#8221;1\/6&#8243; css=&#8221;.vc_custom_1543335477433{margin-left: 30px !important;}&#8221;][\/vc_column][vc_column width=&#8221;5\/6&#8243;][\/vc_column][\/vc_row][vc_row full_width=&#8221;stretch_row_content&#8221; typography_style=&#8221;white&#8221; css=&#8221;.vc_custom_1543336958370{margin-right: 30px !important;margin-left: 15px !important;background-color: #000000 !important;background-position: center !important;background-repeat: no-repeat !important;background-size: cover !important;}&#8221;][vc_column width=&#8221;5\/6&#8243; css=&#8221;.vc_custom_1543335477433{margin-left: 30px !important;}&#8221;][\/vc_column][vc_column width=&#8221;1\/6&#8243;][\/vc_column][\/vc_row][vc_row full_width=&#8221;stretch_row_content&#8221;&hellip;<\/p>\n","protected":false},"author":3,"featured_media":0,"parent":0,"menu_order":0,"comment_status":"closed","ping_status":"closed","template":"","meta":{"footnotes":""},"class_list":["post-20604","page","type-page","status-publish","hentry","entry","no-media"],"yoast_head":"<!-- This site is optimized with the Yoast SEO plugin v26.7 - https:\/\/yoast.com\/wordpress\/plugins\/seo\/ -->\n<title>Home - GARCIA FAURA<\/title>\n<meta name=\"description\" content=\"GARCIA FAURA \u00e9s l\u2019empresa pionera en el desenvolupament de fa\u00e7anes modulars, murs cortina i tancaments d\u2019alumini i vidre. Una companyia d\u2019arrel familiar, nascuda l\u2019any 1888 i amb projecci\u00f3 internacional. Amb seu central a Gav\u00e0 (Barcelona) i delegacions pr\u00f2pies a Col\u00f2mbia i Fran\u00e7a.\" \/>\n<meta name=\"robots\" content=\"index, follow, max-snippet:-1, max-image-preview:large, max-video-preview:-1\" \/>\n<link rel=\"canonical\" href=\"https:\/\/www.garciafaura.com\/en\/\" \/>\n<meta property=\"og:locale\" content=\"en_US\" \/>\n<meta property=\"og:type\" content=\"article\" \/>\n<meta property=\"og:title\" content=\"Home - GARCIA FAURA\" \/>\n<meta property=\"og:description\" content=\"GARCIA FAURA \u00e9s l\u2019empresa pionera en el desenvolupament de fa\u00e7anes modulars, murs cortina i tancaments d\u2019alumini i vidre. Una companyia d\u2019arrel familiar, nascuda l\u2019any 1888 i amb projecci\u00f3 internacional. Amb seu central a Gav\u00e0 (Barcelona) i delegacions pr\u00f2pies a Col\u00f2mbia i Fran\u00e7a.\" \/>\n<meta property=\"og:url\" content=\"https:\/\/www.garciafaura.com\/en\/\" \/>\n<meta property=\"og:site_name\" content=\"GARCIA FAURA\" \/>\n<meta property=\"article:modified_time\" content=\"2026-03-03T15:14:09+00:00\" \/>\n<meta name=\"twitter:card\" content=\"summary_large_image\" \/>\n<meta name=\"twitter:label1\" content=\"Est. reading time\" \/>\n\t<meta name=\"twitter:data1\" content=\"2 minutes\" \/>\n<script type=\"application\/ld+json\" class=\"yoast-schema-graph\">{\"@context\":\"https:\/\/schema.org\",\"@graph\":[{\"@type\":\"WebPage\",\"@id\":\"https:\/\/www.garciafaura.com\/en\/\",\"url\":\"https:\/\/www.garciafaura.com\/en\/\",\"name\":\"Home - GARCIA FAURA\",\"isPartOf\":{\"@id\":\"https:\/\/www.garciafaura.com\/fr\/#website\"},\"datePublished\":\"2019-05-27T11:18:03+00:00\",\"dateModified\":\"2026-03-03T15:14:09+00:00\",\"description\":\"GARCIA FAURA \u00e9s l\u2019empresa pionera en el desenvolupament de fa\u00e7anes modulars, murs cortina i tancaments d\u2019alumini i vidre. Una companyia d\u2019arrel familiar, nascuda l\u2019any 1888 i amb projecci\u00f3 internacional. Amb seu central a Gav\u00e0 (Barcelona) i delegacions pr\u00f2pies a Col\u00f2mbia i Fran\u00e7a.\",\"breadcrumb\":{\"@id\":\"https:\/\/www.garciafaura.com\/en\/#breadcrumb\"},\"inLanguage\":\"en-US\",\"potentialAction\":[{\"@type\":\"ReadAction\",\"target\":[\"https:\/\/www.garciafaura.com\/en\/\"]}]},{\"@type\":\"BreadcrumbList\",\"@id\":\"https:\/\/www.garciafaura.com\/en\/#breadcrumb\",\"itemListElement\":[{\"@type\":\"ListItem\",\"position\":1,\"name\":\"Inici\",\"item\":\"https:\/\/www.garciafaura.com\/en\/\"},{\"@type\":\"ListItem\",\"position\":2,\"name\":\"Home\"}]},{\"@type\":\"WebSite\",\"@id\":\"https:\/\/www.garciafaura.com\/fr\/#website\",\"url\":\"https:\/\/www.garciafaura.com\/fr\/\",\"name\":\"GARCIA FAURA\",\"description\":\"Arquitectura en Alumini, Inox, Ferro i Vidre\",\"publisher\":{\"@id\":\"https:\/\/www.garciafaura.com\/fr\/#organization\"},\"potentialAction\":[{\"@type\":\"SearchAction\",\"target\":{\"@type\":\"EntryPoint\",\"urlTemplate\":\"https:\/\/www.garciafaura.com\/fr\/?s={search_term_string}\"},\"query-input\":{\"@type\":\"PropertyValueSpecification\",\"valueRequired\":true,\"valueName\":\"search_term_string\"}}],\"inLanguage\":\"en-US\"},{\"@type\":\"Organization\",\"@id\":\"https:\/\/www.garciafaura.com\/fr\/#organization\",\"name\":\"GARCIA FAURA\",\"url\":\"https:\/\/www.garciafaura.com\/fr\/\",\"logo\":{\"@type\":\"ImageObject\",\"inLanguage\":\"en-US\",\"@id\":\"https:\/\/www.garciafaura.com\/fr\/#\/schema\/logo\/image\/\",\"url\":\"https:\/\/www.garciafaura.com\/wp-content\/uploads\/2018\/09\/Garcia-Faura.png\",\"contentUrl\":\"https:\/\/www.garciafaura.com\/wp-content\/uploads\/2018\/09\/Garcia-Faura.png\",\"width\":512,\"height\":512,\"caption\":\"GARCIA FAURA\"},\"image\":{\"@id\":\"https:\/\/www.garciafaura.com\/fr\/#\/schema\/logo\/image\/\"},\"sameAs\":[\"https:\/\/www.youtube.com\/user\/GARCIAFAURA\"]}]}<\/script>\n<!-- \/ Yoast SEO plugin. -->","yoast_head_json":{"title":"Home - GARCIA FAURA","description":"GARCIA FAURA \u00e9s l\u2019empresa pionera en el desenvolupament de fa\u00e7anes modulars, murs cortina i tancaments d\u2019alumini i vidre. Una companyia d\u2019arrel familiar, nascuda l\u2019any 1888 i amb projecci\u00f3 internacional. Amb seu central a Gav\u00e0 (Barcelona) i delegacions pr\u00f2pies a Col\u00f2mbia i Fran\u00e7a.","robots":{"index":"index","follow":"follow","max-snippet":"max-snippet:-1","max-image-preview":"max-image-preview:large","max-video-preview":"max-video-preview:-1"},"canonical":"https:\/\/www.garciafaura.com\/en\/","og_locale":"en_US","og_type":"article","og_title":"Home - GARCIA FAURA","og_description":"GARCIA FAURA \u00e9s l\u2019empresa pionera en el desenvolupament de fa\u00e7anes modulars, murs cortina i tancaments d\u2019alumini i vidre. Una companyia d\u2019arrel familiar, nascuda l\u2019any 1888 i amb projecci\u00f3 internacional. Amb seu central a Gav\u00e0 (Barcelona) i delegacions pr\u00f2pies a Col\u00f2mbia i Fran\u00e7a.","og_url":"https:\/\/www.garciafaura.com\/en\/","og_site_name":"GARCIA FAURA","article_modified_time":"2026-03-03T15:14:09+00:00","twitter_card":"summary_large_image","twitter_misc":{"Est. reading time":"2 minutes"},"schema":{"@context":"https:\/\/schema.org","@graph":[{"@type":"WebPage","@id":"https:\/\/www.garciafaura.com\/en\/","url":"https:\/\/www.garciafaura.com\/en\/","name":"Home - GARCIA FAURA","isPartOf":{"@id":"https:\/\/www.garciafaura.com\/fr\/#website"},"datePublished":"2019-05-27T11:18:03+00:00","dateModified":"2026-03-03T15:14:09+00:00","description":"GARCIA FAURA \u00e9s l\u2019empresa pionera en el desenvolupament de fa\u00e7anes modulars, murs cortina i tancaments d\u2019alumini i vidre. Una companyia d\u2019arrel familiar, nascuda l\u2019any 1888 i amb projecci\u00f3 internacional. Amb seu central a Gav\u00e0 (Barcelona) i delegacions pr\u00f2pies a Col\u00f2mbia i Fran\u00e7a.","breadcrumb":{"@id":"https:\/\/www.garciafaura.com\/en\/#breadcrumb"},"inLanguage":"en-US","potentialAction":[{"@type":"ReadAction","target":["https:\/\/www.garciafaura.com\/en\/"]}]},{"@type":"BreadcrumbList","@id":"https:\/\/www.garciafaura.com\/en\/#breadcrumb","itemListElement":[{"@type":"ListItem","position":1,"name":"Inici","item":"https:\/\/www.garciafaura.com\/en\/"},{"@type":"ListItem","position":2,"name":"Home"}]},{"@type":"WebSite","@id":"https:\/\/www.garciafaura.com\/fr\/#website","url":"https:\/\/www.garciafaura.com\/fr\/","name":"GARCIA FAURA","description":"Arquitectura en Alumini, Inox, Ferro i Vidre","publisher":{"@id":"https:\/\/www.garciafaura.com\/fr\/#organization"},"potentialAction":[{"@type":"SearchAction","target":{"@type":"EntryPoint","urlTemplate":"https:\/\/www.garciafaura.com\/fr\/?s={search_term_string}"},"query-input":{"@type":"PropertyValueSpecification","valueRequired":true,"valueName":"search_term_string"}}],"inLanguage":"en-US"},{"@type":"Organization","@id":"https:\/\/www.garciafaura.com\/fr\/#organization","name":"GARCIA FAURA","url":"https:\/\/www.garciafaura.com\/fr\/","logo":{"@type":"ImageObject","inLanguage":"en-US","@id":"https:\/\/www.garciafaura.com\/fr\/#\/schema\/logo\/image\/","url":"https:\/\/www.garciafaura.com\/wp-content\/uploads\/2018\/09\/Garcia-Faura.png","contentUrl":"https:\/\/www.garciafaura.com\/wp-content\/uploads\/2018\/09\/Garcia-Faura.png","width":512,"height":512,"caption":"GARCIA FAURA"},"image":{"@id":"https:\/\/www.garciafaura.com\/fr\/#\/schema\/logo\/image\/"},"sameAs":["https:\/\/www.youtube.com\/user\/GARCIAFAURA"]}]}},"_links":{"self":[{"href":"https:\/\/www.garciafaura.com\/en\/wp-json\/wp\/v2\/pages\/20604","targetHints":{"allow":["GET"]}}],"collection":[{"href":"https:\/\/www.garciafaura.com\/en\/wp-json\/wp\/v2\/pages"}],"about":[{"href":"https:\/\/www.garciafaura.com\/en\/wp-json\/wp\/v2\/types\/page"}],"author":[{"embeddable":true,"href":"https:\/\/www.garciafaura.com\/en\/wp-json\/wp\/v2\/users\/3"}],"replies":[{"embeddable":true,"href":"https:\/\/www.garciafaura.com\/en\/wp-json\/wp\/v2\/comments?post=20604"}],"version-history":[{"count":11,"href":"https:\/\/www.garciafaura.com\/en\/wp-json\/wp\/v2\/pages\/20604\/revisions"}],"predecessor-version":[{"id":42024,"href":"https:\/\/www.garciafaura.com\/en\/wp-json\/wp\/v2\/pages\/20604\/revisions\/42024"}],"wp:attachment":[{"href":"https:\/\/www.garciafaura.com\/en\/wp-json\/wp\/v2\/media?parent=20604"}],"curies":[{"name":"wp","href":"https:\/\/api.w.org\/{rel}","templated":true}]}}