{"id":20018,"date":"2019-05-24T11:06:41","date_gmt":"2019-05-24T11:06:41","guid":{"rendered":"https:\/\/www.garciafaura.com\/residential-complex-works-undertaken-by-garcia-faura\/"},"modified":"2021-08-03T09:57:32","modified_gmt":"2021-08-03T07:57:32","slug":"residential-complex-works-undertaken-by-garcia-faura","status":"publish","type":"page","link":"https:\/\/www.garciafaura.com\/en\/residential-complex-works-undertaken-by-garcia-faura\/","title":{"rendered":"Residential complex works undertaken by GARCIA FAURA"},"content":{"rendered":"<div class=\"wpb-content-wrapper\">[vc_row full_width=&#8221;stretch_row&#8221; wpex_bg_overlay=&#8221;color&#8221; wpex_bg_overlay_color=&#8221;#d9d9d9&#8243; wpex_bg_overlay_opacity=&#8221;0.85&#8243;][vc_column]<div class=\"vcex-spacing\" style=\"height:30px\"><\/div>[vc_column_text]<span style=\"font-family: 'Open Sans'; font-size: 18px;\">Comfort and well-being for resident use. Aluminium and glass enclosures with high levels of thermal and acoustic performance, designed to turn your building into a home. <strong>GARCIA FAURA<\/strong> boasts decades of experience in the residential complex construction sector.<\/span>[\/vc_column_text][\/vc_column][\/vc_row][vc_row][vc_column width=&#8221;1\/2&#8243;][\/vc_column][vc_column width=&#8221;1\/2&#8243;]<div class=\"vcex-spacing\" style=\"height:30px\"><\/div><div class=\"vcex-module vcex-searchbar clr\"><form method=\"get\" class=\"vcex-searchbar-form\" action=\"https:\/\/www.garciafaura.com\/en\/\"><input type=\"search\" class=\"vcex-searchbar-input \" name=\"s\" placeholder=\"Search\" \/><input type=\"hidden\" name=\"post_type\" value=\"portfolio\"><input type=\"hidden\" name=\"lang\" value=\"en\"><button class=\"vcex-searchbar-button\" style=\"background:#d7515e;text-transform:none;font-weight:200;\">Search for projects<\/button><\/form><\/div>[\/vc_column][\/vc_row][vc_row full_width=&#8221;stretch_row&#8221;][vc_column]<div class=\"vcex-module vcex-portfolio-grid-wrap wpex-clr\"><div class=\"wpex-row vcex-portfolio-grid wpex-clr entries vcex-isotope-grid vcex-no-margin-grid\" data-show_title=\"false\"><div class=\"portfolio-entry vcex-grid-item entry-has-details span_1_of_3 col col-1 vcex-isotope-entry vcex-no-margin-entry post-39242 entry type-portfolio has-media cat-76 translation_priority-15\"><div class=\"portfolio-entry-inner entry-inner wpex-clr\"><div class=\"portfolio-entry-media entry-media wpex-clr\"><a href=\"https:\/\/www.garciafaura.com\/wp-content\/uploads\/2025\/04\/Habitatges-Bon-Pastor-23.jpg\" title=\"Housing Bon Pastor\" class=\"portfolio-entry-media-link wpex-lightbox-gallery\" data-gallery=\"[{&quot;src&quot;:&quot;https:\\\/\\\/www.garciafaura.com\\\/wp-content\\\/uploads\\\/2025\\\/04\\\/Habitatges-Bon-Pastor-23.jpg&quot;},{&quot;src&quot;:&quot;https:\\\/\\\/www.garciafaura.com\\\/wp-content\\\/uploads\\\/2025\\\/04\\\/Habitatges-Bon-Pastor-01.jpg&quot;},{&quot;src&quot;:&quot;https:\\\/\\\/www.garciafaura.com\\\/wp-content\\\/uploads\\\/2025\\\/04\\\/Habitatges-Bon-Pastor-02.jpg&quot;},{&quot;src&quot;:&quot;https:\\\/\\\/www.garciafaura.com\\\/wp-content\\\/uploads\\\/2025\\\/04\\\/Habitatges-Bon-Pastor-03.jpg&quot;},{&quot;src&quot;:&quot;https:\\\/\\\/www.garciafaura.com\\\/wp-content\\\/uploads\\\/2025\\\/04\\\/Habitatges-Bon-Pastor-04.jpg&quot;},{&quot;src&quot;:&quot;https:\\\/\\\/www.garciafaura.com\\\/wp-content\\\/uploads\\\/2025\\\/04\\\/Habitatges-Bon-Pastor-05.jpg&quot;},{&quot;src&quot;:&quot;https:\\\/\\\/www.garciafaura.com\\\/wp-content\\\/uploads\\\/2025\\\/04\\\/Habitatges-Bon-Pastor-06.jpg&quot;},{&quot;src&quot;:&quot;https:\\\/\\\/www.garciafaura.com\\\/wp-content\\\/uploads\\\/2025\\\/04\\\/Habitatges-Bon-Pastor-07.jpg&quot;},{&quot;src&quot;:&quot;https:\\\/\\\/www.garciafaura.com\\\/wp-content\\\/uploads\\\/2025\\\/04\\\/Habitatges-Bon-Pastor-08.jpg&quot;},{&quot;src&quot;:&quot;https:\\\/\\\/www.garciafaura.com\\\/wp-content\\\/uploads\\\/2025\\\/04\\\/Habitatges-Bon-Pastor-09.jpg&quot;},{&quot;src&quot;:&quot;https:\\\/\\\/www.garciafaura.com\\\/wp-content\\\/uploads\\\/2025\\\/04\\\/Habitatges-Bon-Pastor-10.jpg&quot;},{&quot;src&quot;:&quot;https:\\\/\\\/www.garciafaura.com\\\/wp-content\\\/uploads\\\/2025\\\/04\\\/Habitatges-Bon-Pastor-11.jpg&quot;},{&quot;src&quot;:&quot;https:\\\/\\\/www.garciafaura.com\\\/wp-content\\\/uploads\\\/2025\\\/04\\\/Habitatges-Bon-Pastor-12.jpg&quot;},{&quot;src&quot;:&quot;https:\\\/\\\/www.garciafaura.com\\\/wp-content\\\/uploads\\\/2025\\\/04\\\/Habitatges-Bon-Pastor-13.jpg&quot;},{&quot;src&quot;:&quot;https:\\\/\\\/www.garciafaura.com\\\/wp-content\\\/uploads\\\/2025\\\/04\\\/Habitatges-Bon-Pastor-14.jpg&quot;},{&quot;src&quot;:&quot;https:\\\/\\\/www.garciafaura.com\\\/wp-content\\\/uploads\\\/2025\\\/04\\\/Habitatges-Bon-Pastor-15.jpg&quot;},{&quot;src&quot;:&quot;https:\\\/\\\/www.garciafaura.com\\\/wp-content\\\/uploads\\\/2025\\\/04\\\/Habitatges-Bon-Pastor-16.jpg&quot;},{&quot;src&quot;:&quot;https:\\\/\\\/www.garciafaura.com\\\/wp-content\\\/uploads\\\/2025\\\/04\\\/Habitatges-Bon-Pastor-17.jpg&quot;},{&quot;src&quot;:&quot;https:\\\/\\\/www.garciafaura.com\\\/wp-content\\\/uploads\\\/2025\\\/04\\\/Habitatges-Bon-Pastor-18.jpg&quot;},{&quot;src&quot;:&quot;https:\\\/\\\/www.garciafaura.com\\\/wp-content\\\/uploads\\\/2025\\\/04\\\/Habitatges-Bon-Pastor-19.jpg&quot;},{&quot;src&quot;:&quot;https:\\\/\\\/www.garciafaura.com\\\/wp-content\\\/uploads\\\/2025\\\/04\\\/Habitatges-Bon-Pastor-20.jpg&quot;},{&quot;src&quot;:&quot;https:\\\/\\\/www.garciafaura.com\\\/wp-content\\\/uploads\\\/2025\\\/04\\\/Habitatges-Bon-Pastor-21.jpg&quot;},{&quot;src&quot;:&quot;https:\\\/\\\/www.garciafaura.com\\\/wp-content\\\/uploads\\\/2025\\\/04\\\/Habitatges-Bon-Pastor-22.jpg&quot;},{&quot;src&quot;:&quot;https:\\\/\\\/www.garciafaura.com\\\/wp-content\\\/uploads\\\/2025\\\/04\\\/Habitatges-Bon-Pastor-24.jpg&quot;}]\"><img loading=\"lazy\" decoding=\"async\" data-no-lazy=\"1\" class=\"portfolio-entry-img skip-lazy\" src=\"https:\/\/www.garciafaura.com\/wp-content\/uploads\/2025\/04\/Habitatges-Bon-Pastor-23-600x314.jpg\" alt='' data-no-retina width=\"600\" height=\"314\" \/><\/a><\/div><div class=\"portfolio-entry-details entry-details wpex-clr\"><h2 class=\"portfolio-entry-title entry-title\"><a href=\"https:\/\/www.garciafaura.com\/en\/portfolio-item\/habitatges-bon-pastor\/\" title=\"Housing Bon Pastor\">Housing Bon Pastor<\/a><\/h2><div class=\"portfolio-entry-categories entry-categories wpex-clr\"><a href=\"https:\/\/www.garciafaura.com\/en\/portfolio-category\/residential-complexes\/\" class=\"term-76\">Residential complexes<\/a><\/div><\/div><\/div><\/div><div class=\"portfolio-entry vcex-grid-item entry-has-details span_1_of_3 col col-2 vcex-isotope-entry vcex-no-margin-entry post-39134 entry type-portfolio has-media cat-76 translation_priority-15\"><div class=\"portfolio-entry-inner entry-inner wpex-clr\"><div class=\"portfolio-entry-media entry-media wpex-clr\"><a href=\"https:\/\/www.garciafaura.com\/wp-content\/uploads\/2025\/04\/Habitatges-Jonquera-Poblenou-30.jpg\" title=\"Housing Jonquera Barcelona\" class=\"portfolio-entry-media-link wpex-lightbox-gallery\" data-gallery=\"[{&quot;src&quot;:&quot;https:\\\/\\\/www.garciafaura.com\\\/wp-content\\\/uploads\\\/2025\\\/04\\\/Habitatges-Jonquera-Poblenou-01.jpg&quot;},{&quot;src&quot;:&quot;https:\\\/\\\/www.garciafaura.com\\\/wp-content\\\/uploads\\\/2025\\\/04\\\/Habitatges-Jonquera-Poblenou-02.jpg&quot;},{&quot;src&quot;:&quot;https:\\\/\\\/www.garciafaura.com\\\/wp-content\\\/uploads\\\/2025\\\/04\\\/Habitatges-Jonquera-Poblenou-03.jpg&quot;},{&quot;src&quot;:&quot;https:\\\/\\\/www.garciafaura.com\\\/wp-content\\\/uploads\\\/2025\\\/04\\\/Habitatges-Jonquera-Poblenou-04.jpg&quot;},{&quot;src&quot;:&quot;https:\\\/\\\/www.garciafaura.com\\\/wp-content\\\/uploads\\\/2025\\\/04\\\/Habitatges-Jonquera-Poblenou-05.jpg&quot;},{&quot;src&quot;:&quot;https:\\\/\\\/www.garciafaura.com\\\/wp-content\\\/uploads\\\/2025\\\/04\\\/Habitatges-Jonquera-Poblenou-06.jpg&quot;},{&quot;src&quot;:&quot;https:\\\/\\\/www.garciafaura.com\\\/wp-content\\\/uploads\\\/2025\\\/04\\\/Habitatges-Jonquera-Poblenou-07.jpg&quot;},{&quot;src&quot;:&quot;https:\\\/\\\/www.garciafaura.com\\\/wp-content\\\/uploads\\\/2025\\\/04\\\/Habitatges-Jonquera-Poblenou-08.jpg&quot;},{&quot;src&quot;:&quot;https:\\\/\\\/www.garciafaura.com\\\/wp-content\\\/uploads\\\/2025\\\/04\\\/Habitatges-Jonquera-Poblenou-09.jpg&quot;},{&quot;src&quot;:&quot;https:\\\/\\\/www.garciafaura.com\\\/wp-content\\\/uploads\\\/2025\\\/04\\\/Habitatges-Jonquera-Poblenou-10.jpg&quot;},{&quot;src&quot;:&quot;https:\\\/\\\/www.garciafaura.com\\\/wp-content\\\/uploads\\\/2025\\\/04\\\/Habitatges-Jonquera-Poblenou-11.jpg&quot;},{&quot;src&quot;:&quot;https:\\\/\\\/www.garciafaura.com\\\/wp-content\\\/uploads\\\/2025\\\/04\\\/Habitatges-Jonquera-Poblenou-12.jpg&quot;},{&quot;src&quot;:&quot;https:\\\/\\\/www.garciafaura.com\\\/wp-content\\\/uploads\\\/2025\\\/04\\\/Habitatges-Jonquera-Poblenou-13.jpg&quot;},{&quot;src&quot;:&quot;https:\\\/\\\/www.garciafaura.com\\\/wp-content\\\/uploads\\\/2025\\\/04\\\/Habitatges-Jonquera-Poblenou-14.jpg&quot;},{&quot;src&quot;:&quot;https:\\\/\\\/www.garciafaura.com\\\/wp-content\\\/uploads\\\/2025\\\/04\\\/Habitatges-Jonquera-Poblenou-15.jpg&quot;},{&quot;src&quot;:&quot;https:\\\/\\\/www.garciafaura.com\\\/wp-content\\\/uploads\\\/2025\\\/04\\\/Habitatges-Jonquera-Poblenou-16.jpg&quot;},{&quot;src&quot;:&quot;https:\\\/\\\/www.garciafaura.com\\\/wp-content\\\/uploads\\\/2025\\\/04\\\/Habitatges-Jonquera-Poblenou-17.jpg&quot;},{&quot;src&quot;:&quot;https:\\\/\\\/www.garciafaura.com\\\/wp-content\\\/uploads\\\/2025\\\/04\\\/Habitatges-Jonquera-Poblenou-18.jpg&quot;},{&quot;src&quot;:&quot;https:\\\/\\\/www.garciafaura.com\\\/wp-content\\\/uploads\\\/2025\\\/04\\\/Habitatges-Jonquera-Poblenou-19.jpg&quot;},{&quot;src&quot;:&quot;https:\\\/\\\/www.garciafaura.com\\\/wp-content\\\/uploads\\\/2025\\\/04\\\/Habitatges-Jonquera-Poblenou-20.jpg&quot;},{&quot;src&quot;:&quot;https:\\\/\\\/www.garciafaura.com\\\/wp-content\\\/uploads\\\/2025\\\/04\\\/Habitatges-Jonquera-Poblenou-21.jpg&quot;},{&quot;src&quot;:&quot;https:\\\/\\\/www.garciafaura.com\\\/wp-content\\\/uploads\\\/2025\\\/04\\\/Habitatges-Jonquera-Poblenou-22.jpg&quot;},{&quot;src&quot;:&quot;https:\\\/\\\/www.garciafaura.com\\\/wp-content\\\/uploads\\\/2025\\\/04\\\/Habitatges-Jonquera-Poblenou-23.jpg&quot;},{&quot;src&quot;:&quot;https:\\\/\\\/www.garciafaura.com\\\/wp-content\\\/uploads\\\/2025\\\/04\\\/Habitatges-Jonquera-Poblenou-24.jpg&quot;},{&quot;src&quot;:&quot;https:\\\/\\\/www.garciafaura.com\\\/wp-content\\\/uploads\\\/2025\\\/04\\\/Habitatges-Jonquera-Poblenou-25.jpg&quot;},{&quot;src&quot;:&quot;https:\\\/\\\/www.garciafaura.com\\\/wp-content\\\/uploads\\\/2025\\\/04\\\/Habitatges-Jonquera-Poblenou-26.jpg&quot;},{&quot;src&quot;:&quot;https:\\\/\\\/www.garciafaura.com\\\/wp-content\\\/uploads\\\/2025\\\/04\\\/Habitatges-Jonquera-Poblenou-27.jpg&quot;},{&quot;src&quot;:&quot;https:\\\/\\\/www.garciafaura.com\\\/wp-content\\\/uploads\\\/2025\\\/04\\\/Habitatges-Jonquera-Poblenou-28.jpg&quot;},{&quot;src&quot;:&quot;https:\\\/\\\/www.garciafaura.com\\\/wp-content\\\/uploads\\\/2025\\\/04\\\/Habitatges-Jonquera-Poblenou-29.jpg&quot;},{&quot;src&quot;:&quot;https:\\\/\\\/www.garciafaura.com\\\/wp-content\\\/uploads\\\/2025\\\/04\\\/Habitatges-Jonquera-Poblenou-30.jpg&quot;}]\"><img loading=\"lazy\" decoding=\"async\" data-no-lazy=\"1\" class=\"portfolio-entry-img skip-lazy\" src=\"https:\/\/www.garciafaura.com\/wp-content\/uploads\/2025\/04\/Habitatges-Jonquera-Poblenou-30-600x314.jpg\" alt='' data-no-retina width=\"600\" height=\"314\" \/><\/a><\/div><div class=\"portfolio-entry-details entry-details wpex-clr\"><h2 class=\"portfolio-entry-title entry-title\"><a href=\"https:\/\/www.garciafaura.com\/en\/portfolio-item\/habitatges-jonquera-barcelona\/\" title=\"Housing Jonquera Barcelona\">Housing Jonquera Barcelona<\/a><\/h2><div class=\"portfolio-entry-categories entry-categories wpex-clr\"><a href=\"https:\/\/www.garciafaura.com\/en\/portfolio-category\/residential-complexes\/\" class=\"term-76\">Residential complexes<\/a><\/div><\/div><\/div><\/div><div class=\"portfolio-entry vcex-grid-item entry-has-details span_1_of_3 col col-3 vcex-isotope-entry vcex-no-margin-entry post-36890 entry type-portfolio has-media cat-86 cat-76 translation_priority-15\"><div class=\"portfolio-entry-inner entry-inner wpex-clr\"><div class=\"portfolio-entry-media entry-media wpex-clr\"><a href=\"https:\/\/www.garciafaura.com\/wp-content\/uploads\/2024\/04\/100-Habitatges-Viladecans-7.jpg\" title=\"Promotion Central Park Llevant\" class=\"portfolio-entry-media-link wpex-lightbox-gallery\" data-gallery=\"[{&quot;src&quot;:&quot;https:\\\/\\\/www.garciafaura.com\\\/wp-content\\\/uploads\\\/2024\\\/04\\\/100-Habitatges-Viladecans-7.jpg&quot;},{&quot;src&quot;:&quot;https:\\\/\\\/www.garciafaura.com\\\/wp-content\\\/uploads\\\/2024\\\/04\\\/100-Habitatges-Viladecans-1.jpg&quot;},{&quot;src&quot;:&quot;https:\\\/\\\/www.garciafaura.com\\\/wp-content\\\/uploads\\\/2024\\\/04\\\/100-Habitatges-Viladecans-29.jpg&quot;},{&quot;src&quot;:&quot;https:\\\/\\\/www.garciafaura.com\\\/wp-content\\\/uploads\\\/2024\\\/04\\\/100-Habitatges-Viladecans-28.jpg&quot;},{&quot;src&quot;:&quot;https:\\\/\\\/www.garciafaura.com\\\/wp-content\\\/uploads\\\/2024\\\/04\\\/100-Habitatges-Viladecans-27.jpg&quot;},{&quot;src&quot;:&quot;https:\\\/\\\/www.garciafaura.com\\\/wp-content\\\/uploads\\\/2024\\\/04\\\/100-Habitatges-Viladecans-26.jpg&quot;},{&quot;src&quot;:&quot;https:\\\/\\\/www.garciafaura.com\\\/wp-content\\\/uploads\\\/2024\\\/04\\\/100-Habitatges-Viladecans-25.jpg&quot;},{&quot;src&quot;:&quot;https:\\\/\\\/www.garciafaura.com\\\/wp-content\\\/uploads\\\/2024\\\/04\\\/100-Habitatges-Viladecans-24.jpg&quot;},{&quot;src&quot;:&quot;https:\\\/\\\/www.garciafaura.com\\\/wp-content\\\/uploads\\\/2024\\\/04\\\/100-Habitatges-Viladecans-23.jpg&quot;},{&quot;src&quot;:&quot;https:\\\/\\\/www.garciafaura.com\\\/wp-content\\\/uploads\\\/2024\\\/04\\\/100-Habitatges-Viladecans-22.jpg&quot;},{&quot;src&quot;:&quot;https:\\\/\\\/www.garciafaura.com\\\/wp-content\\\/uploads\\\/2024\\\/04\\\/100-Habitatges-Viladecans-21.jpg&quot;},{&quot;src&quot;:&quot;https:\\\/\\\/www.garciafaura.com\\\/wp-content\\\/uploads\\\/2024\\\/04\\\/100-Habitatges-Viladecans-20.jpg&quot;},{&quot;src&quot;:&quot;https:\\\/\\\/www.garciafaura.com\\\/wp-content\\\/uploads\\\/2024\\\/04\\\/100-Habitatges-Viladecans-19.jpg&quot;},{&quot;src&quot;:&quot;https:\\\/\\\/www.garciafaura.com\\\/wp-content\\\/uploads\\\/2024\\\/04\\\/100-Habitatges-Viladecans-18.jpg&quot;},{&quot;src&quot;:&quot;https:\\\/\\\/www.garciafaura.com\\\/wp-content\\\/uploads\\\/2024\\\/04\\\/100-Habitatges-Viladecans-17.jpg&quot;},{&quot;src&quot;:&quot;https:\\\/\\\/www.garciafaura.com\\\/wp-content\\\/uploads\\\/2024\\\/04\\\/100-Habitatges-Viladecans-16.jpg&quot;},{&quot;src&quot;:&quot;https:\\\/\\\/www.garciafaura.com\\\/wp-content\\\/uploads\\\/2024\\\/04\\\/100-Habitatges-Viladecans-15.jpg&quot;},{&quot;src&quot;:&quot;https:\\\/\\\/www.garciafaura.com\\\/wp-content\\\/uploads\\\/2024\\\/04\\\/100-Habitatges-Viladecans-14.jpg&quot;},{&quot;src&quot;:&quot;https:\\\/\\\/www.garciafaura.com\\\/wp-content\\\/uploads\\\/2024\\\/04\\\/100-Habitatges-Viladecans-13.jpg&quot;},{&quot;src&quot;:&quot;https:\\\/\\\/www.garciafaura.com\\\/wp-content\\\/uploads\\\/2024\\\/04\\\/100-Habitatges-Viladecans-12.jpg&quot;},{&quot;src&quot;:&quot;https:\\\/\\\/www.garciafaura.com\\\/wp-content\\\/uploads\\\/2024\\\/04\\\/100-Habitatges-Viladecans-11.jpg&quot;},{&quot;src&quot;:&quot;https:\\\/\\\/www.garciafaura.com\\\/wp-content\\\/uploads\\\/2024\\\/04\\\/100-Habitatges-Viladecans-10.jpg&quot;},{&quot;src&quot;:&quot;https:\\\/\\\/www.garciafaura.com\\\/wp-content\\\/uploads\\\/2024\\\/04\\\/100-Habitatges-Viladecans-9.jpg&quot;},{&quot;src&quot;:&quot;https:\\\/\\\/www.garciafaura.com\\\/wp-content\\\/uploads\\\/2024\\\/04\\\/100-Habitatges-Viladecans-8.jpg&quot;},{&quot;src&quot;:&quot;https:\\\/\\\/www.garciafaura.com\\\/wp-content\\\/uploads\\\/2024\\\/04\\\/100-Habitatges-Viladecans-6.jpg&quot;},{&quot;src&quot;:&quot;https:\\\/\\\/www.garciafaura.com\\\/wp-content\\\/uploads\\\/2024\\\/04\\\/100-Habitatges-Viladecans-5.jpg&quot;},{&quot;src&quot;:&quot;https:\\\/\\\/www.garciafaura.com\\\/wp-content\\\/uploads\\\/2024\\\/04\\\/100-Habitatges-Viladecans-4.jpg&quot;},{&quot;src&quot;:&quot;https:\\\/\\\/www.garciafaura.com\\\/wp-content\\\/uploads\\\/2024\\\/04\\\/100-Habitatges-Viladecans-3.jpg&quot;},{&quot;src&quot;:&quot;https:\\\/\\\/www.garciafaura.com\\\/wp-content\\\/uploads\\\/2024\\\/04\\\/100-Habitatges-Viladecans-2.jpg&quot;}]\"><img loading=\"lazy\" decoding=\"async\" data-no-lazy=\"1\" class=\"portfolio-entry-img skip-lazy\" src=\"https:\/\/www.garciafaura.com\/wp-content\/uploads\/2024\/04\/100-Habitatges-Viladecans-7-600x314.jpg\" alt='' data-no-retina width=\"600\" height=\"314\" \/><\/a><\/div><div class=\"portfolio-entry-details entry-details wpex-clr\"><h2 class=\"portfolio-entry-title entry-title\"><a href=\"https:\/\/www.garciafaura.com\/en\/portfolio-item\/promocio-central-park-llevant\/\" title=\"Promotion Central Park Llevant\">Promotion Central Park Llevant<\/a><\/h2><div class=\"portfolio-entry-categories entry-categories wpex-clr\"><a href=\"https:\/\/www.garciafaura.com\/en\/portfolio-category\/destacat-residential-complexes\/\" class=\"term-86\">Destacat residential complexes<\/a><\/div><\/div><\/div><\/div><div class=\"portfolio-entry vcex-grid-item entry-has-details span_1_of_3 col col-1 vcex-isotope-entry vcex-no-margin-entry post-36294 entry type-portfolio has-media cat-76 translation_priority-15\"><div class=\"portfolio-entry-inner entry-inner wpex-clr\"><div class=\"portfolio-entry-media entry-media wpex-clr\"><a href=\"https:\/\/www.garciafaura.com\/wp-content\/uploads\/2024\/04\/Promocio-Zembra-Vilanova-5.jpg\" title=\"Promotion Zembra Vilanova\" class=\"portfolio-entry-media-link wpex-lightbox-gallery\" data-gallery=\"[{&quot;src&quot;:&quot;https:\\\/\\\/www.garciafaura.com\\\/wp-content\\\/uploads\\\/2024\\\/04\\\/Promocio-Zembra-Vilanova-5.jpg&quot;},{&quot;src&quot;:&quot;https:\\\/\\\/www.garciafaura.com\\\/wp-content\\\/uploads\\\/2024\\\/04\\\/Promocio-Zembra-Vilanova-1.jpg&quot;},{&quot;src&quot;:&quot;https:\\\/\\\/www.garciafaura.com\\\/wp-content\\\/uploads\\\/2024\\\/04\\\/Promocio-Zembra-Vilanova-23.jpg&quot;},{&quot;src&quot;:&quot;https:\\\/\\\/www.garciafaura.com\\\/wp-content\\\/uploads\\\/2024\\\/04\\\/Promocio-Zembra-Vilanova-22.jpg&quot;},{&quot;src&quot;:&quot;https:\\\/\\\/www.garciafaura.com\\\/wp-content\\\/uploads\\\/2024\\\/04\\\/Promocio-Zembra-Vilanova-21.jpg&quot;},{&quot;src&quot;:&quot;https:\\\/\\\/www.garciafaura.com\\\/wp-content\\\/uploads\\\/2024\\\/04\\\/Promocio-Zembra-Vilanova-20.jpg&quot;},{&quot;src&quot;:&quot;https:\\\/\\\/www.garciafaura.com\\\/wp-content\\\/uploads\\\/2024\\\/04\\\/Promocio-Zembra-Vilanova-19.jpg&quot;},{&quot;src&quot;:&quot;https:\\\/\\\/www.garciafaura.com\\\/wp-content\\\/uploads\\\/2024\\\/04\\\/Promocio-Zembra-Vilanova-18.jpg&quot;},{&quot;src&quot;:&quot;https:\\\/\\\/www.garciafaura.com\\\/wp-content\\\/uploads\\\/2024\\\/04\\\/Promocio-Zembra-Vilanova-17.jpg&quot;},{&quot;src&quot;:&quot;https:\\\/\\\/www.garciafaura.com\\\/wp-content\\\/uploads\\\/2024\\\/04\\\/Promocio-Zembra-Vilanova-16.jpg&quot;},{&quot;src&quot;:&quot;https:\\\/\\\/www.garciafaura.com\\\/wp-content\\\/uploads\\\/2024\\\/04\\\/Promocio-Zembra-Vilanova-15.jpg&quot;},{&quot;src&quot;:&quot;https:\\\/\\\/www.garciafaura.com\\\/wp-content\\\/uploads\\\/2024\\\/04\\\/Promocio-Zembra-Vilanova-14.jpg&quot;},{&quot;src&quot;:&quot;https:\\\/\\\/www.garciafaura.com\\\/wp-content\\\/uploads\\\/2024\\\/04\\\/Promocio-Zembra-Vilanova-13.jpg&quot;},{&quot;src&quot;:&quot;https:\\\/\\\/www.garciafaura.com\\\/wp-content\\\/uploads\\\/2024\\\/04\\\/Promocio-Zembra-Vilanova-12.jpg&quot;},{&quot;src&quot;:&quot;https:\\\/\\\/www.garciafaura.com\\\/wp-content\\\/uploads\\\/2024\\\/04\\\/Promocio-Zembra-Vilanova-11.jpg&quot;},{&quot;src&quot;:&quot;https:\\\/\\\/www.garciafaura.com\\\/wp-content\\\/uploads\\\/2024\\\/04\\\/Promocio-Zembra-Vilanova-10.jpg&quot;},{&quot;src&quot;:&quot;https:\\\/\\\/www.garciafaura.com\\\/wp-content\\\/uploads\\\/2024\\\/04\\\/Promocio-Zembra-Vilanova-9.jpg&quot;},{&quot;src&quot;:&quot;https:\\\/\\\/www.garciafaura.com\\\/wp-content\\\/uploads\\\/2024\\\/04\\\/Promocio-Zembra-Vilanova-8.jpg&quot;},{&quot;src&quot;:&quot;https:\\\/\\\/www.garciafaura.com\\\/wp-content\\\/uploads\\\/2024\\\/04\\\/Promocio-Zembra-Vilanova-7.jpg&quot;},{&quot;src&quot;:&quot;https:\\\/\\\/www.garciafaura.com\\\/wp-content\\\/uploads\\\/2024\\\/04\\\/Promocio-Zembra-Vilanova-6.jpg&quot;},{&quot;src&quot;:&quot;https:\\\/\\\/www.garciafaura.com\\\/wp-content\\\/uploads\\\/2024\\\/04\\\/Promocio-Zembra-Vilanova-4.jpg&quot;},{&quot;src&quot;:&quot;https:\\\/\\\/www.garciafaura.com\\\/wp-content\\\/uploads\\\/2024\\\/04\\\/Promocio-Zembra-Vilanova-3.jpg&quot;},{&quot;src&quot;:&quot;https:\\\/\\\/www.garciafaura.com\\\/wp-content\\\/uploads\\\/2024\\\/04\\\/Promocio-Zembra-Vilanova-2.jpg&quot;}]\"><img loading=\"lazy\" decoding=\"async\" data-no-lazy=\"1\" class=\"portfolio-entry-img skip-lazy\" src=\"https:\/\/www.garciafaura.com\/wp-content\/uploads\/2024\/04\/Promocio-Zembra-Vilanova-5-600x314.jpg\" alt='' data-no-retina width=\"600\" height=\"314\" \/><\/a><\/div><div class=\"portfolio-entry-details entry-details wpex-clr\"><h2 class=\"portfolio-entry-title entry-title\"><a href=\"https:\/\/www.garciafaura.com\/en\/portfolio-item\/promicio-zembra-vilanova\/\" title=\"Promotion Zembra Vilanova\">Promotion Zembra Vilanova<\/a><\/h2><div class=\"portfolio-entry-categories entry-categories wpex-clr\"><a href=\"https:\/\/www.garciafaura.com\/en\/portfolio-category\/residential-complexes\/\" class=\"term-76\">Residential complexes<\/a><\/div><\/div><\/div><\/div><div class=\"portfolio-entry vcex-grid-item entry-has-details span_1_of_3 col col-2 vcex-isotope-entry vcex-no-margin-entry post-35603 entry type-portfolio has-media cat-76 translation_priority-15\"><div class=\"portfolio-entry-inner entry-inner wpex-clr\"><div class=\"portfolio-entry-media entry-media wpex-clr\"><a href=\"https:\/\/www.garciafaura.com\/wp-content\/uploads\/2024\/03\/Residencial-Somnia-Mare-Port-de-Badalona-1.jpg\" title=\"Somnia Mare Badalona promotion\" class=\"portfolio-entry-media-link wpex-lightbox-gallery\" data-gallery=\"[{&quot;src&quot;:&quot;https:\\\/\\\/www.garciafaura.com\\\/wp-content\\\/uploads\\\/2024\\\/03\\\/Residencial-Somnia-Mare-Port-de-Badalona-1.jpg&quot;},{&quot;src&quot;:&quot;https:\\\/\\\/www.garciafaura.com\\\/wp-content\\\/uploads\\\/2024\\\/03\\\/Residencial-Somnia-Mare-Port-de-Badalona-35.jpg&quot;},{&quot;src&quot;:&quot;https:\\\/\\\/www.garciafaura.com\\\/wp-content\\\/uploads\\\/2024\\\/03\\\/Residencial-Somnia-Mare-Port-de-Badalona-34.jpg&quot;},{&quot;src&quot;:&quot;https:\\\/\\\/www.garciafaura.com\\\/wp-content\\\/uploads\\\/2024\\\/03\\\/Residencial-Somnia-Mare-Port-de-Badalona-33.jpg&quot;},{&quot;src&quot;:&quot;https:\\\/\\\/www.garciafaura.com\\\/wp-content\\\/uploads\\\/2024\\\/03\\\/Residencial-Somnia-Mare-Port-de-Badalona-32.jpg&quot;},{&quot;src&quot;:&quot;https:\\\/\\\/www.garciafaura.com\\\/wp-content\\\/uploads\\\/2024\\\/03\\\/Residencial-Somnia-Mare-Port-de-Badalona-31.jpg&quot;},{&quot;src&quot;:&quot;https:\\\/\\\/www.garciafaura.com\\\/wp-content\\\/uploads\\\/2024\\\/03\\\/Residencial-Somnia-Mare-Port-de-Badalona-30.jpg&quot;},{&quot;src&quot;:&quot;https:\\\/\\\/www.garciafaura.com\\\/wp-content\\\/uploads\\\/2024\\\/03\\\/Residencial-Somnia-Mare-Port-de-Badalona-29.jpg&quot;},{&quot;src&quot;:&quot;https:\\\/\\\/www.garciafaura.com\\\/wp-content\\\/uploads\\\/2024\\\/03\\\/Residencial-Somnia-Mare-Port-de-Badalona-28.jpg&quot;},{&quot;src&quot;:&quot;https:\\\/\\\/www.garciafaura.com\\\/wp-content\\\/uploads\\\/2024\\\/03\\\/Residencial-Somnia-Mare-Port-de-Badalona-27.jpg&quot;},{&quot;src&quot;:&quot;https:\\\/\\\/www.garciafaura.com\\\/wp-content\\\/uploads\\\/2024\\\/03\\\/Residencial-Somnia-Mare-Port-de-Badalona-26.jpg&quot;},{&quot;src&quot;:&quot;https:\\\/\\\/www.garciafaura.com\\\/wp-content\\\/uploads\\\/2024\\\/03\\\/Residencial-Somnia-Mare-Port-de-Badalona-25.jpg&quot;},{&quot;src&quot;:&quot;https:\\\/\\\/www.garciafaura.com\\\/wp-content\\\/uploads\\\/2024\\\/03\\\/Residencial-Somnia-Mare-Port-de-Badalona-24.jpg&quot;},{&quot;src&quot;:&quot;https:\\\/\\\/www.garciafaura.com\\\/wp-content\\\/uploads\\\/2024\\\/03\\\/Residencial-Somnia-Mare-Port-de-Badalona-23.jpg&quot;},{&quot;src&quot;:&quot;https:\\\/\\\/www.garciafaura.com\\\/wp-content\\\/uploads\\\/2024\\\/03\\\/Residencial-Somnia-Mare-Port-de-Badalona-22.jpg&quot;},{&quot;src&quot;:&quot;https:\\\/\\\/www.garciafaura.com\\\/wp-content\\\/uploads\\\/2024\\\/03\\\/Residencial-Somnia-Mare-Port-de-Badalona-21.jpg&quot;},{&quot;src&quot;:&quot;https:\\\/\\\/www.garciafaura.com\\\/wp-content\\\/uploads\\\/2024\\\/03\\\/Residencial-Somnia-Mare-Port-de-Badalona-20.jpg&quot;},{&quot;src&quot;:&quot;https:\\\/\\\/www.garciafaura.com\\\/wp-content\\\/uploads\\\/2024\\\/03\\\/Residencial-Somnia-Mare-Port-de-Badalona-19.jpg&quot;},{&quot;src&quot;:&quot;https:\\\/\\\/www.garciafaura.com\\\/wp-content\\\/uploads\\\/2024\\\/03\\\/Residencial-Somnia-Mare-Port-de-Badalona-18.jpg&quot;},{&quot;src&quot;:&quot;https:\\\/\\\/www.garciafaura.com\\\/wp-content\\\/uploads\\\/2024\\\/03\\\/Residencial-Somnia-Mare-Port-de-Badalona-17.jpg&quot;},{&quot;src&quot;:&quot;https:\\\/\\\/www.garciafaura.com\\\/wp-content\\\/uploads\\\/2024\\\/03\\\/Residencial-Somnia-Mare-Port-de-Badalona-16.jpg&quot;},{&quot;src&quot;:&quot;https:\\\/\\\/www.garciafaura.com\\\/wp-content\\\/uploads\\\/2024\\\/03\\\/Residencial-Somnia-Mare-Port-de-Badalona-15.jpg&quot;},{&quot;src&quot;:&quot;https:\\\/\\\/www.garciafaura.com\\\/wp-content\\\/uploads\\\/2024\\\/03\\\/Residencial-Somnia-Mare-Port-de-Badalona-14.jpg&quot;},{&quot;src&quot;:&quot;https:\\\/\\\/www.garciafaura.com\\\/wp-content\\\/uploads\\\/2024\\\/03\\\/Residencial-Somnia-Mare-Port-de-Badalona-13.jpg&quot;},{&quot;src&quot;:&quot;https:\\\/\\\/www.garciafaura.com\\\/wp-content\\\/uploads\\\/2024\\\/03\\\/Residencial-Somnia-Mare-Port-de-Badalona-12.jpg&quot;},{&quot;src&quot;:&quot;https:\\\/\\\/www.garciafaura.com\\\/wp-content\\\/uploads\\\/2024\\\/03\\\/Residencial-Somnia-Mare-Port-de-Badalona-11.jpg&quot;},{&quot;src&quot;:&quot;https:\\\/\\\/www.garciafaura.com\\\/wp-content\\\/uploads\\\/2024\\\/03\\\/Residencial-Somnia-Mare-Port-de-Badalona-10.jpg&quot;},{&quot;src&quot;:&quot;https:\\\/\\\/www.garciafaura.com\\\/wp-content\\\/uploads\\\/2024\\\/03\\\/Residencial-Somnia-Mare-Port-de-Badalona-9.jpg&quot;},{&quot;src&quot;:&quot;https:\\\/\\\/www.garciafaura.com\\\/wp-content\\\/uploads\\\/2024\\\/03\\\/Residencial-Somnia-Mare-Port-de-Badalona-8.jpg&quot;},{&quot;src&quot;:&quot;https:\\\/\\\/www.garciafaura.com\\\/wp-content\\\/uploads\\\/2024\\\/03\\\/Residencial-Somnia-Mare-Port-de-Badalona-7.jpg&quot;},{&quot;src&quot;:&quot;https:\\\/\\\/www.garciafaura.com\\\/wp-content\\\/uploads\\\/2024\\\/03\\\/Residencial-Somnia-Mare-Port-de-Badalona-6.jpg&quot;},{&quot;src&quot;:&quot;https:\\\/\\\/www.garciafaura.com\\\/wp-content\\\/uploads\\\/2024\\\/03\\\/Residencial-Somnia-Mare-Port-de-Badalona-5.jpg&quot;},{&quot;src&quot;:&quot;https:\\\/\\\/www.garciafaura.com\\\/wp-content\\\/uploads\\\/2024\\\/03\\\/Residencial-Somnia-Mare-Port-de-Badalona-4.jpg&quot;},{&quot;src&quot;:&quot;https:\\\/\\\/www.garciafaura.com\\\/wp-content\\\/uploads\\\/2024\\\/03\\\/Residencial-Somnia-Mare-Port-de-Badalona-3.jpg&quot;},{&quot;src&quot;:&quot;https:\\\/\\\/www.garciafaura.com\\\/wp-content\\\/uploads\\\/2024\\\/03\\\/Residencial-Somnia-Mare-Port-de-Badalona-2.jpg&quot;}]\"><img loading=\"lazy\" decoding=\"async\" data-no-lazy=\"1\" class=\"portfolio-entry-img skip-lazy\" src=\"https:\/\/www.garciafaura.com\/wp-content\/uploads\/2024\/03\/Residencial-Somnia-Mare-Port-de-Badalona-1-600x314.jpg\" alt='' data-no-retina width=\"600\" height=\"314\" \/><\/a><\/div><div class=\"portfolio-entry-details entry-details wpex-clr\"><h2 class=\"portfolio-entry-title entry-title\"><a href=\"https:\/\/www.garciafaura.com\/en\/portfolio-item\/promocio-somnia-mare-badalona\/\" title=\"Somnia Mare Badalona promotion\">Somnia Mare Badalona promotion<\/a><\/h2><div class=\"portfolio-entry-categories entry-categories wpex-clr\"><a href=\"https:\/\/www.garciafaura.com\/en\/portfolio-category\/residential-complexes\/\" class=\"term-76\">Residential complexes<\/a><\/div><\/div><\/div><\/div><div class=\"portfolio-entry vcex-grid-item entry-has-details span_1_of_3 col col-3 vcex-isotope-entry vcex-no-margin-entry post-35244 entry type-portfolio has-media cat-88 cat-86 cat-83 cat-76 translation_priority-15\"><div class=\"portfolio-entry-inner entry-inner wpex-clr\"><div class=\"portfolio-entry-media entry-media wpex-clr\"><a href=\"https:\/\/www.garciafaura.com\/wp-content\/uploads\/2024\/02\/Torre-Antares-01.jpg\" title=\"Antares Tower\" class=\"portfolio-entry-media-link wpex-lightbox-gallery\" data-gallery=\"[{&quot;src&quot;:&quot;https:\\\/\\\/www.garciafaura.com\\\/wp-content\\\/uploads\\\/2024\\\/02\\\/Torre-Antares-01.jpg&quot;},{&quot;src&quot;:&quot;https:\\\/\\\/www.garciafaura.com\\\/wp-content\\\/uploads\\\/2024\\\/02\\\/Torre-Antares-02.jpg&quot;},{&quot;src&quot;:&quot;https:\\\/\\\/www.garciafaura.com\\\/wp-content\\\/uploads\\\/2024\\\/02\\\/Torre-Antares-03.jpg&quot;},{&quot;src&quot;:&quot;https:\\\/\\\/www.garciafaura.com\\\/wp-content\\\/uploads\\\/2024\\\/02\\\/Torre-Antares-04.jpg&quot;},{&quot;src&quot;:&quot;https:\\\/\\\/www.garciafaura.com\\\/wp-content\\\/uploads\\\/2024\\\/02\\\/Torre-Antares-05.jpg&quot;},{&quot;src&quot;:&quot;https:\\\/\\\/www.garciafaura.com\\\/wp-content\\\/uploads\\\/2024\\\/02\\\/Torre-Antares-06.jpg&quot;},{&quot;src&quot;:&quot;https:\\\/\\\/www.garciafaura.com\\\/wp-content\\\/uploads\\\/2024\\\/02\\\/Torre-Antares-07.jpg&quot;},{&quot;src&quot;:&quot;https:\\\/\\\/www.garciafaura.com\\\/wp-content\\\/uploads\\\/2024\\\/02\\\/Torre-Antares-08.jpg&quot;},{&quot;src&quot;:&quot;https:\\\/\\\/www.garciafaura.com\\\/wp-content\\\/uploads\\\/2024\\\/02\\\/Torre-Antares-09.jpg&quot;},{&quot;src&quot;:&quot;https:\\\/\\\/www.garciafaura.com\\\/wp-content\\\/uploads\\\/2024\\\/02\\\/Torre-Antares-10.jpg&quot;},{&quot;src&quot;:&quot;https:\\\/\\\/www.garciafaura.com\\\/wp-content\\\/uploads\\\/2024\\\/02\\\/Torre-Antares-11.jpg&quot;},{&quot;src&quot;:&quot;https:\\\/\\\/www.garciafaura.com\\\/wp-content\\\/uploads\\\/2024\\\/02\\\/Torre-Antares-12.jpg&quot;},{&quot;src&quot;:&quot;https:\\\/\\\/www.garciafaura.com\\\/wp-content\\\/uploads\\\/2024\\\/02\\\/Torre-Antares-13.jpg&quot;},{&quot;src&quot;:&quot;https:\\\/\\\/www.garciafaura.com\\\/wp-content\\\/uploads\\\/2024\\\/02\\\/Torre-Antares-14.jpg&quot;},{&quot;src&quot;:&quot;https:\\\/\\\/www.garciafaura.com\\\/wp-content\\\/uploads\\\/2024\\\/02\\\/Torre-Antares-15.jpg&quot;},{&quot;src&quot;:&quot;https:\\\/\\\/www.garciafaura.com\\\/wp-content\\\/uploads\\\/2024\\\/02\\\/Torre-Antares-16.jpg&quot;},{&quot;src&quot;:&quot;https:\\\/\\\/www.garciafaura.com\\\/wp-content\\\/uploads\\\/2024\\\/02\\\/Torre-Antares-17.jpg&quot;},{&quot;src&quot;:&quot;https:\\\/\\\/www.garciafaura.com\\\/wp-content\\\/uploads\\\/2024\\\/02\\\/Torre-Antares-18.jpg&quot;},{&quot;src&quot;:&quot;https:\\\/\\\/www.garciafaura.com\\\/wp-content\\\/uploads\\\/2024\\\/02\\\/Torre-Antares-19.jpg&quot;},{&quot;src&quot;:&quot;https:\\\/\\\/www.garciafaura.com\\\/wp-content\\\/uploads\\\/2024\\\/02\\\/Torre-Antares-20.jpg&quot;},{&quot;src&quot;:&quot;https:\\\/\\\/www.garciafaura.com\\\/wp-content\\\/uploads\\\/2024\\\/02\\\/Torre-Antares-21.jpg&quot;},{&quot;src&quot;:&quot;https:\\\/\\\/www.garciafaura.com\\\/wp-content\\\/uploads\\\/2024\\\/02\\\/Torre-Antares-22.jpg&quot;},{&quot;src&quot;:&quot;https:\\\/\\\/www.garciafaura.com\\\/wp-content\\\/uploads\\\/2024\\\/02\\\/Torre-Antares-23.jpg&quot;},{&quot;src&quot;:&quot;https:\\\/\\\/www.garciafaura.com\\\/wp-content\\\/uploads\\\/2024\\\/02\\\/Torre-Antares-24.jpg&quot;},{&quot;src&quot;:&quot;https:\\\/\\\/www.garciafaura.com\\\/wp-content\\\/uploads\\\/2024\\\/02\\\/Torre-Antares-25.jpg&quot;},{&quot;src&quot;:&quot;https:\\\/\\\/www.garciafaura.com\\\/wp-content\\\/uploads\\\/2024\\\/02\\\/Torre-Antares-26.jpg&quot;},{&quot;src&quot;:&quot;https:\\\/\\\/www.garciafaura.com\\\/wp-content\\\/uploads\\\/2024\\\/02\\\/Torre-Antares-27.jpg&quot;},{&quot;src&quot;:&quot;https:\\\/\\\/www.garciafaura.com\\\/wp-content\\\/uploads\\\/2024\\\/02\\\/Torre-Antares-28.jpg&quot;},{&quot;src&quot;:&quot;https:\\\/\\\/www.garciafaura.com\\\/wp-content\\\/uploads\\\/2024\\\/02\\\/Torre-Antares-29.jpg&quot;},{&quot;src&quot;:&quot;https:\\\/\\\/www.garciafaura.com\\\/wp-content\\\/uploads\\\/2024\\\/02\\\/Torre-Antares-30.jpg&quot;},{&quot;src&quot;:&quot;https:\\\/\\\/www.garciafaura.com\\\/wp-content\\\/uploads\\\/2024\\\/02\\\/Torre-Antares-31.jpg&quot;},{&quot;src&quot;:&quot;https:\\\/\\\/www.garciafaura.com\\\/wp-content\\\/uploads\\\/2024\\\/02\\\/Torre-Antares-32.jpg&quot;},{&quot;src&quot;:&quot;https:\\\/\\\/www.garciafaura.com\\\/wp-content\\\/uploads\\\/2024\\\/02\\\/Torre-Antares-33.jpg&quot;},{&quot;src&quot;:&quot;https:\\\/\\\/www.garciafaura.com\\\/wp-content\\\/uploads\\\/2024\\\/02\\\/Torre-Antares-34.jpg&quot;},{&quot;src&quot;:&quot;https:\\\/\\\/www.garciafaura.com\\\/wp-content\\\/uploads\\\/2024\\\/02\\\/Torre-Antares-36.jpg&quot;},{&quot;src&quot;:&quot;https:\\\/\\\/www.garciafaura.com\\\/wp-content\\\/uploads\\\/2024\\\/02\\\/Torre-Antares-37.jpg&quot;},{&quot;src&quot;:&quot;https:\\\/\\\/www.garciafaura.com\\\/wp-content\\\/uploads\\\/2024\\\/02\\\/Torre-Antares-38.jpg&quot;},{&quot;src&quot;:&quot;https:\\\/\\\/www.garciafaura.com\\\/wp-content\\\/uploads\\\/2024\\\/02\\\/Torre-Antares-39.jpg&quot;},{&quot;src&quot;:&quot;https:\\\/\\\/www.garciafaura.com\\\/wp-content\\\/uploads\\\/2024\\\/02\\\/Torre-Antares-40.jpg&quot;},{&quot;src&quot;:&quot;https:\\\/\\\/www.garciafaura.com\\\/wp-content\\\/uploads\\\/2024\\\/02\\\/Torre-Antares-41.jpg&quot;},{&quot;src&quot;:&quot;https:\\\/\\\/www.garciafaura.com\\\/wp-content\\\/uploads\\\/2024\\\/02\\\/Torre-Antares-42.jpg&quot;},{&quot;src&quot;:&quot;https:\\\/\\\/www.garciafaura.com\\\/wp-content\\\/uploads\\\/2024\\\/02\\\/Torre-Antares-43.jpg&quot;},{&quot;src&quot;:&quot;https:\\\/\\\/www.garciafaura.com\\\/wp-content\\\/uploads\\\/2024\\\/02\\\/Torre-Antares-44.jpg&quot;},{&quot;src&quot;:&quot;https:\\\/\\\/www.garciafaura.com\\\/wp-content\\\/uploads\\\/2024\\\/02\\\/Torre-Antares-45.jpg&quot;},{&quot;src&quot;:&quot;https:\\\/\\\/www.garciafaura.com\\\/wp-content\\\/uploads\\\/2024\\\/02\\\/Torre-Antares-46.jpg&quot;},{&quot;src&quot;:&quot;https:\\\/\\\/www.garciafaura.com\\\/wp-content\\\/uploads\\\/2024\\\/02\\\/Torre-Antares-47.jpg&quot;},{&quot;src&quot;:&quot;https:\\\/\\\/www.garciafaura.com\\\/wp-content\\\/uploads\\\/2024\\\/02\\\/Torre-Antares-48.jpg&quot;},{&quot;src&quot;:&quot;https:\\\/\\\/www.garciafaura.com\\\/wp-content\\\/uploads\\\/2024\\\/02\\\/Torre-Antares-49.jpg&quot;},{&quot;src&quot;:&quot;https:\\\/\\\/www.garciafaura.com\\\/wp-content\\\/uploads\\\/2024\\\/02\\\/Torre-Antares-50.jpg&quot;},{&quot;src&quot;:&quot;https:\\\/\\\/www.garciafaura.com\\\/wp-content\\\/uploads\\\/2024\\\/02\\\/Torre-Antares-51.jpg&quot;},{&quot;src&quot;:&quot;https:\\\/\\\/www.garciafaura.com\\\/wp-content\\\/uploads\\\/2024\\\/02\\\/Torre-Antares-52.jpg&quot;},{&quot;src&quot;:&quot;https:\\\/\\\/www.garciafaura.com\\\/wp-content\\\/uploads\\\/2024\\\/02\\\/Torre-Antares-53.jpg&quot;},{&quot;src&quot;:&quot;https:\\\/\\\/www.garciafaura.com\\\/wp-content\\\/uploads\\\/2024\\\/02\\\/Torre-Antares-54.jpg&quot;},{&quot;src&quot;:&quot;https:\\\/\\\/www.garciafaura.com\\\/wp-content\\\/uploads\\\/2024\\\/02\\\/Torre-Antares-55.jpg&quot;}]\"><img loading=\"lazy\" decoding=\"async\" data-no-lazy=\"1\" class=\"portfolio-entry-img skip-lazy\" src=\"https:\/\/www.garciafaura.com\/wp-content\/uploads\/2024\/02\/Torre-Antares-01-600x314.jpg\" alt='' data-no-retina width=\"600\" height=\"314\" \/><\/a><\/div><div class=\"portfolio-entry-details entry-details wpex-clr\"><h2 class=\"portfolio-entry-title entry-title\"><a href=\"https:\/\/www.garciafaura.com\/en\/portfolio-item\/torre-antares\/\" title=\"Antares Tower\">Antares Tower<\/a><\/h2><div class=\"portfolio-entry-categories entry-categories wpex-clr\"><a href=\"https:\/\/www.garciafaura.com\/en\/portfolio-category\/destacat-facades\/\" class=\"term-88\">Destacat facades<\/a><\/div><\/div><\/div><\/div><div class=\"portfolio-entry vcex-grid-item entry-has-details span_1_of_3 col col-1 vcex-isotope-entry vcex-no-margin-entry post-33815 entry type-portfolio has-media cat-76 translation_priority-15\"><div class=\"portfolio-entry-inner entry-inner wpex-clr\"><div class=\"portfolio-entry-media entry-media wpex-clr\"><a href=\"https:\/\/www.garciafaura.com\/wp-content\/uploads\/2023\/11\/Habitatges-La-Sagrera-09.jpg\" title=\"Residential Sagrera 2.0\" class=\"portfolio-entry-media-link wpex-lightbox-gallery\" data-gallery=\"[{&quot;src&quot;:&quot;https:\\\/\\\/www.garciafaura.com\\\/wp-content\\\/uploads\\\/2023\\\/11\\\/Habitatges-La-Sagrera-09.jpg&quot;},{&quot;src&quot;:&quot;https:\\\/\\\/www.garciafaura.com\\\/wp-content\\\/uploads\\\/2023\\\/11\\\/Habitatges-La-Sagrera-01.jpg&quot;},{&quot;src&quot;:&quot;https:\\\/\\\/www.garciafaura.com\\\/wp-content\\\/uploads\\\/2023\\\/11\\\/Habitatges-La-Sagrera-28.jpg&quot;},{&quot;src&quot;:&quot;https:\\\/\\\/www.garciafaura.com\\\/wp-content\\\/uploads\\\/2023\\\/11\\\/Habitatges-La-Sagrera-27.jpg&quot;},{&quot;src&quot;:&quot;https:\\\/\\\/www.garciafaura.com\\\/wp-content\\\/uploads\\\/2023\\\/11\\\/Habitatges-La-Sagrera-26.jpg&quot;},{&quot;src&quot;:&quot;https:\\\/\\\/www.garciafaura.com\\\/wp-content\\\/uploads\\\/2023\\\/11\\\/Habitatges-La-Sagrera-25.jpg&quot;},{&quot;src&quot;:&quot;https:\\\/\\\/www.garciafaura.com\\\/wp-content\\\/uploads\\\/2023\\\/11\\\/Habitatges-La-Sagrera-24.jpg&quot;},{&quot;src&quot;:&quot;https:\\\/\\\/www.garciafaura.com\\\/wp-content\\\/uploads\\\/2023\\\/11\\\/Habitatges-La-Sagrera-23.jpg&quot;},{&quot;src&quot;:&quot;https:\\\/\\\/www.garciafaura.com\\\/wp-content\\\/uploads\\\/2023\\\/11\\\/Habitatges-La-Sagrera-22.jpg&quot;},{&quot;src&quot;:&quot;https:\\\/\\\/www.garciafaura.com\\\/wp-content\\\/uploads\\\/2023\\\/11\\\/Habitatges-La-Sagrera-21.jpg&quot;},{&quot;src&quot;:&quot;https:\\\/\\\/www.garciafaura.com\\\/wp-content\\\/uploads\\\/2023\\\/11\\\/Habitatges-La-Sagrera-20.jpg&quot;},{&quot;src&quot;:&quot;https:\\\/\\\/www.garciafaura.com\\\/wp-content\\\/uploads\\\/2023\\\/11\\\/Habitatges-La-Sagrera-19.jpg&quot;},{&quot;src&quot;:&quot;https:\\\/\\\/www.garciafaura.com\\\/wp-content\\\/uploads\\\/2023\\\/11\\\/Habitatges-La-Sagrera-18.jpg&quot;},{&quot;src&quot;:&quot;https:\\\/\\\/www.garciafaura.com\\\/wp-content\\\/uploads\\\/2023\\\/11\\\/Habitatges-La-Sagrera-17.jpg&quot;},{&quot;src&quot;:&quot;https:\\\/\\\/www.garciafaura.com\\\/wp-content\\\/uploads\\\/2023\\\/11\\\/Habitatges-La-Sagrera-16.jpg&quot;},{&quot;src&quot;:&quot;https:\\\/\\\/www.garciafaura.com\\\/wp-content\\\/uploads\\\/2023\\\/11\\\/Habitatges-La-Sagrera-15.jpg&quot;},{&quot;src&quot;:&quot;https:\\\/\\\/www.garciafaura.com\\\/wp-content\\\/uploads\\\/2023\\\/11\\\/Habitatges-La-Sagrera-14.jpg&quot;},{&quot;src&quot;:&quot;https:\\\/\\\/www.garciafaura.com\\\/wp-content\\\/uploads\\\/2023\\\/11\\\/Habitatges-La-Sagrera-13.jpg&quot;},{&quot;src&quot;:&quot;https:\\\/\\\/www.garciafaura.com\\\/wp-content\\\/uploads\\\/2023\\\/11\\\/Habitatges-La-Sagrera-12.jpg&quot;},{&quot;src&quot;:&quot;https:\\\/\\\/www.garciafaura.com\\\/wp-content\\\/uploads\\\/2023\\\/11\\\/Habitatges-La-Sagrera-11.jpg&quot;},{&quot;src&quot;:&quot;https:\\\/\\\/www.garciafaura.com\\\/wp-content\\\/uploads\\\/2023\\\/11\\\/Habitatges-La-Sagrera-10.jpg&quot;},{&quot;src&quot;:&quot;https:\\\/\\\/www.garciafaura.com\\\/wp-content\\\/uploads\\\/2023\\\/11\\\/Habitatges-La-Sagrera-08.jpg&quot;},{&quot;src&quot;:&quot;https:\\\/\\\/www.garciafaura.com\\\/wp-content\\\/uploads\\\/2023\\\/11\\\/Habitatges-La-Sagrera-07.jpg&quot;},{&quot;src&quot;:&quot;https:\\\/\\\/www.garciafaura.com\\\/wp-content\\\/uploads\\\/2023\\\/11\\\/Habitatges-La-Sagrera-06.jpg&quot;},{&quot;src&quot;:&quot;https:\\\/\\\/www.garciafaura.com\\\/wp-content\\\/uploads\\\/2023\\\/11\\\/Habitatges-La-Sagrera-05.jpg&quot;},{&quot;src&quot;:&quot;https:\\\/\\\/www.garciafaura.com\\\/wp-content\\\/uploads\\\/2023\\\/11\\\/Habitatges-La-Sagrera-04.jpg&quot;},{&quot;src&quot;:&quot;https:\\\/\\\/www.garciafaura.com\\\/wp-content\\\/uploads\\\/2023\\\/11\\\/Habitatges-La-Sagrera-03.jpg&quot;},{&quot;src&quot;:&quot;https:\\\/\\\/www.garciafaura.com\\\/wp-content\\\/uploads\\\/2023\\\/11\\\/Habitatges-La-Sagrera-02.jpg&quot;}]\"><img loading=\"lazy\" decoding=\"async\" data-no-lazy=\"1\" class=\"portfolio-entry-img skip-lazy\" src=\"https:\/\/www.garciafaura.com\/wp-content\/uploads\/2023\/11\/Habitatges-La-Sagrera-09-600x314.jpg\" alt='' data-no-retina width=\"600\" height=\"314\" \/><\/a><\/div><div class=\"portfolio-entry-details entry-details wpex-clr\"><h2 class=\"portfolio-entry-title entry-title\"><a href=\"https:\/\/www.garciafaura.com\/en\/portfolio-item\/residential-sagrera-2-0\/\" title=\"Residential Sagrera 2.0\">Residential Sagrera 2.0<\/a><\/h2><div class=\"portfolio-entry-categories entry-categories wpex-clr\"><a href=\"https:\/\/www.garciafaura.com\/en\/portfolio-category\/residential-complexes\/\" class=\"term-76\">Residential complexes<\/a><\/div><\/div><\/div><\/div><div class=\"portfolio-entry vcex-grid-item entry-has-details span_1_of_3 col col-2 vcex-isotope-entry vcex-no-margin-entry post-33804 entry type-portfolio has-media cat-76 translation_priority-15\"><div class=\"portfolio-entry-inner entry-inner wpex-clr\"><div class=\"portfolio-entry-media entry-media wpex-clr\"><a href=\"https:\/\/www.garciafaura.com\/wp-content\/uploads\/2023\/11\/Habitatges-Sirani-Terrassa-17.jpg\" title=\"Sirani Terrassa Housing Promotion\" class=\"portfolio-entry-media-link wpex-lightbox-gallery\" data-gallery=\"[{&quot;src&quot;:&quot;https:\\\/\\\/www.garciafaura.com\\\/wp-content\\\/uploads\\\/2023\\\/11\\\/Habitatges-Sirani-Terrassa-8.jpg&quot;},{&quot;src&quot;:&quot;https:\\\/\\\/www.garciafaura.com\\\/wp-content\\\/uploads\\\/2023\\\/11\\\/Habitatges-Sirani-Terrassa-1.jpg&quot;},{&quot;src&quot;:&quot;https:\\\/\\\/www.garciafaura.com\\\/wp-content\\\/uploads\\\/2023\\\/11\\\/Habitatges-Sirani-Terrassa-22.jpg&quot;},{&quot;src&quot;:&quot;https:\\\/\\\/www.garciafaura.com\\\/wp-content\\\/uploads\\\/2023\\\/11\\\/Habitatges-Sirani-Terrassa-21.jpg&quot;},{&quot;src&quot;:&quot;https:\\\/\\\/www.garciafaura.com\\\/wp-content\\\/uploads\\\/2023\\\/11\\\/Habitatges-Sirani-Terrassa-20.jpg&quot;},{&quot;src&quot;:&quot;https:\\\/\\\/www.garciafaura.com\\\/wp-content\\\/uploads\\\/2023\\\/11\\\/Habitatges-Sirani-Terrassa-19.jpg&quot;},{&quot;src&quot;:&quot;https:\\\/\\\/www.garciafaura.com\\\/wp-content\\\/uploads\\\/2023\\\/11\\\/Habitatges-Sirani-Terrassa-18.jpg&quot;},{&quot;src&quot;:&quot;https:\\\/\\\/www.garciafaura.com\\\/wp-content\\\/uploads\\\/2023\\\/11\\\/Habitatges-Sirani-Terrassa-17.jpg&quot;},{&quot;src&quot;:&quot;https:\\\/\\\/www.garciafaura.com\\\/wp-content\\\/uploads\\\/2023\\\/11\\\/Habitatges-Sirani-Terrassa-16.jpg&quot;},{&quot;src&quot;:&quot;https:\\\/\\\/www.garciafaura.com\\\/wp-content\\\/uploads\\\/2023\\\/11\\\/Habitatges-Sirani-Terrassa-15.jpg&quot;},{&quot;src&quot;:&quot;https:\\\/\\\/www.garciafaura.com\\\/wp-content\\\/uploads\\\/2023\\\/11\\\/Habitatges-Sirani-Terrassa-14.jpg&quot;},{&quot;src&quot;:&quot;https:\\\/\\\/www.garciafaura.com\\\/wp-content\\\/uploads\\\/2023\\\/11\\\/Habitatges-Sirani-Terrassa-13.jpg&quot;},{&quot;src&quot;:&quot;https:\\\/\\\/www.garciafaura.com\\\/wp-content\\\/uploads\\\/2023\\\/11\\\/Habitatges-Sirani-Terrassa-12.jpg&quot;},{&quot;src&quot;:&quot;https:\\\/\\\/www.garciafaura.com\\\/wp-content\\\/uploads\\\/2023\\\/11\\\/Habitatges-Sirani-Terrassa-11.jpg&quot;},{&quot;src&quot;:&quot;https:\\\/\\\/www.garciafaura.com\\\/wp-content\\\/uploads\\\/2023\\\/11\\\/Habitatges-Sirani-Terrassa-10.jpg&quot;},{&quot;src&quot;:&quot;https:\\\/\\\/www.garciafaura.com\\\/wp-content\\\/uploads\\\/2023\\\/11\\\/Habitatges-Sirani-Terrassa-9.jpg&quot;},{&quot;src&quot;:&quot;https:\\\/\\\/www.garciafaura.com\\\/wp-content\\\/uploads\\\/2023\\\/11\\\/Habitatges-Sirani-Terrassa-7.jpg&quot;},{&quot;src&quot;:&quot;https:\\\/\\\/www.garciafaura.com\\\/wp-content\\\/uploads\\\/2023\\\/11\\\/Habitatges-Sirani-Terrassa-6.jpg&quot;},{&quot;src&quot;:&quot;https:\\\/\\\/www.garciafaura.com\\\/wp-content\\\/uploads\\\/2023\\\/11\\\/Habitatges-Sirani-Terrassa-5.jpg&quot;},{&quot;src&quot;:&quot;https:\\\/\\\/www.garciafaura.com\\\/wp-content\\\/uploads\\\/2023\\\/11\\\/Habitatges-Sirani-Terrassa-4.jpg&quot;},{&quot;src&quot;:&quot;https:\\\/\\\/www.garciafaura.com\\\/wp-content\\\/uploads\\\/2023\\\/11\\\/Habitatges-Sirani-Terrassa-3.jpg&quot;},{&quot;src&quot;:&quot;https:\\\/\\\/www.garciafaura.com\\\/wp-content\\\/uploads\\\/2023\\\/11\\\/Habitatges-Sirani-Terrassa-2.jpg&quot;}]\"><img loading=\"lazy\" decoding=\"async\" data-no-lazy=\"1\" class=\"portfolio-entry-img skip-lazy\" src=\"https:\/\/www.garciafaura.com\/wp-content\/uploads\/2023\/11\/Habitatges-Sirani-Terrassa-17-600x314.jpg\" alt='' data-no-retina width=\"600\" height=\"314\" \/><\/a><\/div><div class=\"portfolio-entry-details entry-details wpex-clr\"><h2 class=\"portfolio-entry-title entry-title\"><a href=\"https:\/\/www.garciafaura.com\/en\/portfolio-item\/sirani-terrassa-housing-promotion\/\" title=\"Sirani Terrassa Housing Promotion\">Sirani Terrassa Housing Promotion<\/a><\/h2><div class=\"portfolio-entry-categories entry-categories wpex-clr\"><a href=\"https:\/\/www.garciafaura.com\/en\/portfolio-category\/residential-complexes\/\" class=\"term-76\">Residential complexes<\/a><\/div><\/div><\/div><\/div><div class=\"portfolio-entry vcex-grid-item entry-has-details span_1_of_3 col col-3 vcex-isotope-entry vcex-no-margin-entry post-33493 entry type-portfolio has-media cat-76 translation_priority-15\"><div class=\"portfolio-entry-inner entry-inner wpex-clr\"><div class=\"portfolio-entry-media entry-media wpex-clr\"><a href=\"https:\/\/www.garciafaura.com\/wp-content\/uploads\/2023\/10\/Residencia-destudiants-Doctor-Trueta-01.jpg\" title=\"Residence Doctor Trueta\" class=\"portfolio-entry-media-link wpex-lightbox-gallery\" data-gallery=\"[{&quot;src&quot;:&quot;https:\\\/\\\/www.garciafaura.com\\\/wp-content\\\/uploads\\\/2023\\\/10\\\/Residencia-destudiants-Doctor-Trueta-01.jpg&quot;},{&quot;src&quot;:&quot;https:\\\/\\\/www.garciafaura.com\\\/wp-content\\\/uploads\\\/2023\\\/10\\\/Residencia-destudiants-Doctor-Trueta-33.jpg&quot;},{&quot;src&quot;:&quot;https:\\\/\\\/www.garciafaura.com\\\/wp-content\\\/uploads\\\/2023\\\/10\\\/Residencia-destudiants-Doctor-Trueta-32.jpg&quot;},{&quot;src&quot;:&quot;https:\\\/\\\/www.garciafaura.com\\\/wp-content\\\/uploads\\\/2023\\\/10\\\/Residencia-destudiants-Doctor-Trueta-31.jpg&quot;},{&quot;src&quot;:&quot;https:\\\/\\\/www.garciafaura.com\\\/wp-content\\\/uploads\\\/2023\\\/10\\\/Residencia-destudiants-Doctor-Trueta-30.jpg&quot;},{&quot;src&quot;:&quot;https:\\\/\\\/www.garciafaura.com\\\/wp-content\\\/uploads\\\/2023\\\/10\\\/Residencia-destudiants-Doctor-Trueta-29.jpg&quot;},{&quot;src&quot;:&quot;https:\\\/\\\/www.garciafaura.com\\\/wp-content\\\/uploads\\\/2023\\\/10\\\/Residencia-destudiants-Doctor-Trueta-28.jpg&quot;},{&quot;src&quot;:&quot;https:\\\/\\\/www.garciafaura.com\\\/wp-content\\\/uploads\\\/2023\\\/10\\\/Residencia-destudiants-Doctor-Trueta-27.jpg&quot;},{&quot;src&quot;:&quot;https:\\\/\\\/www.garciafaura.com\\\/wp-content\\\/uploads\\\/2023\\\/10\\\/Residencia-destudiants-Doctor-Trueta-26.jpg&quot;},{&quot;src&quot;:&quot;https:\\\/\\\/www.garciafaura.com\\\/wp-content\\\/uploads\\\/2023\\\/10\\\/Residencia-destudiants-Doctor-Trueta-25.jpg&quot;},{&quot;src&quot;:&quot;https:\\\/\\\/www.garciafaura.com\\\/wp-content\\\/uploads\\\/2023\\\/10\\\/Residencia-destudiants-Doctor-Trueta-24.jpg&quot;},{&quot;src&quot;:&quot;https:\\\/\\\/www.garciafaura.com\\\/wp-content\\\/uploads\\\/2023\\\/10\\\/Residencia-destudiants-Doctor-Trueta-23.jpg&quot;},{&quot;src&quot;:&quot;https:\\\/\\\/www.garciafaura.com\\\/wp-content\\\/uploads\\\/2023\\\/10\\\/Residencia-destudiants-Doctor-Trueta-22.jpg&quot;},{&quot;src&quot;:&quot;https:\\\/\\\/www.garciafaura.com\\\/wp-content\\\/uploads\\\/2023\\\/10\\\/Residencia-destudiants-Doctor-Trueta-21.jpg&quot;},{&quot;src&quot;:&quot;https:\\\/\\\/www.garciafaura.com\\\/wp-content\\\/uploads\\\/2023\\\/10\\\/Residencia-destudiants-Doctor-Trueta-20.jpg&quot;},{&quot;src&quot;:&quot;https:\\\/\\\/www.garciafaura.com\\\/wp-content\\\/uploads\\\/2023\\\/10\\\/Residencia-destudiants-Doctor-Trueta-19.jpg&quot;},{&quot;src&quot;:&quot;https:\\\/\\\/www.garciafaura.com\\\/wp-content\\\/uploads\\\/2023\\\/10\\\/Residencia-destudiants-Doctor-Trueta-18.jpg&quot;},{&quot;src&quot;:&quot;https:\\\/\\\/www.garciafaura.com\\\/wp-content\\\/uploads\\\/2023\\\/10\\\/Residencia-destudiants-Doctor-Trueta-17.jpg&quot;},{&quot;src&quot;:&quot;https:\\\/\\\/www.garciafaura.com\\\/wp-content\\\/uploads\\\/2023\\\/10\\\/Residencia-destudiants-Doctor-Trueta-16.jpg&quot;},{&quot;src&quot;:&quot;https:\\\/\\\/www.garciafaura.com\\\/wp-content\\\/uploads\\\/2023\\\/10\\\/Residencia-destudiants-Doctor-Trueta-15.jpg&quot;},{&quot;src&quot;:&quot;https:\\\/\\\/www.garciafaura.com\\\/wp-content\\\/uploads\\\/2023\\\/10\\\/Residencia-destudiants-Doctor-Trueta-14.jpg&quot;},{&quot;src&quot;:&quot;https:\\\/\\\/www.garciafaura.com\\\/wp-content\\\/uploads\\\/2023\\\/10\\\/Residencia-destudiants-Doctor-Trueta-13.jpg&quot;},{&quot;src&quot;:&quot;https:\\\/\\\/www.garciafaura.com\\\/wp-content\\\/uploads\\\/2023\\\/10\\\/Residencia-destudiants-Doctor-Trueta-12.jpg&quot;},{&quot;src&quot;:&quot;https:\\\/\\\/www.garciafaura.com\\\/wp-content\\\/uploads\\\/2023\\\/10\\\/Residencia-destudiants-Doctor-Trueta-11.jpg&quot;},{&quot;src&quot;:&quot;https:\\\/\\\/www.garciafaura.com\\\/wp-content\\\/uploads\\\/2023\\\/10\\\/Residencia-destudiants-Doctor-Trueta-10.jpg&quot;},{&quot;src&quot;:&quot;https:\\\/\\\/www.garciafaura.com\\\/wp-content\\\/uploads\\\/2023\\\/10\\\/Residencia-destudiants-Doctor-Trueta-09.jpg&quot;},{&quot;src&quot;:&quot;https:\\\/\\\/www.garciafaura.com\\\/wp-content\\\/uploads\\\/2023\\\/10\\\/Residencia-destudiants-Doctor-Trueta-08.jpg&quot;},{&quot;src&quot;:&quot;https:\\\/\\\/www.garciafaura.com\\\/wp-content\\\/uploads\\\/2023\\\/10\\\/Residencia-destudiants-Doctor-Trueta-07.jpg&quot;},{&quot;src&quot;:&quot;https:\\\/\\\/www.garciafaura.com\\\/wp-content\\\/uploads\\\/2023\\\/10\\\/Residencia-destudiants-Doctor-Trueta-06.jpg&quot;},{&quot;src&quot;:&quot;https:\\\/\\\/www.garciafaura.com\\\/wp-content\\\/uploads\\\/2023\\\/10\\\/Residencia-destudiants-Doctor-Trueta-05.jpg&quot;},{&quot;src&quot;:&quot;https:\\\/\\\/www.garciafaura.com\\\/wp-content\\\/uploads\\\/2023\\\/10\\\/Residencia-destudiants-Doctor-Trueta-04.jpg&quot;},{&quot;src&quot;:&quot;https:\\\/\\\/www.garciafaura.com\\\/wp-content\\\/uploads\\\/2023\\\/10\\\/Residencia-destudiants-Doctor-Trueta-03.jpg&quot;},{&quot;src&quot;:&quot;https:\\\/\\\/www.garciafaura.com\\\/wp-content\\\/uploads\\\/2023\\\/10\\\/Residencia-destudiants-Doctor-Trueta-02.jpg&quot;}]\"><img loading=\"lazy\" decoding=\"async\" data-no-lazy=\"1\" class=\"portfolio-entry-img skip-lazy\" src=\"https:\/\/www.garciafaura.com\/wp-content\/uploads\/2023\/10\/Residencia-destudiants-Doctor-Trueta-01-600x314.jpg\" alt='' data-no-retina width=\"600\" height=\"314\" \/><\/a><\/div><div class=\"portfolio-entry-details entry-details wpex-clr\"><h2 class=\"portfolio-entry-title entry-title\"><a href=\"https:\/\/www.garciafaura.com\/en\/portfolio-item\/residencia-doctor-trueta\/\" title=\"Residence Doctor Trueta\">Residence Doctor Trueta<\/a><\/h2><div class=\"portfolio-entry-categories entry-categories wpex-clr\"><a href=\"https:\/\/www.garciafaura.com\/en\/portfolio-category\/residential-complexes\/\" class=\"term-76\">Residential complexes<\/a><\/div><\/div><\/div><\/div><div class=\"portfolio-entry vcex-grid-item entry-has-details span_1_of_3 col col-1 vcex-isotope-entry vcex-no-margin-entry post-33354 entry type-portfolio has-media cat-76 translation_priority-15\"><div class=\"portfolio-entry-inner entry-inner wpex-clr\"><div class=\"portfolio-entry-media entry-media wpex-clr\"><a href=\"https:\/\/www.garciafaura.com\/wp-content\/uploads\/2023\/09\/Habitatges-port-Badalona-27.jpg\" title=\"Housing promotion isle 6 Badalona\" class=\"portfolio-entry-media-link wpex-lightbox-gallery\" data-gallery=\"[{&quot;src&quot;:&quot;https:\\\/\\\/www.garciafaura.com\\\/wp-content\\\/uploads\\\/2023\\\/09\\\/Habitatges-port-Badalona-27.jpg&quot;},{&quot;src&quot;:&quot;https:\\\/\\\/www.garciafaura.com\\\/wp-content\\\/uploads\\\/2023\\\/09\\\/Habitatges-port-Badalona-01.jpg&quot;},{&quot;src&quot;:&quot;https:\\\/\\\/www.garciafaura.com\\\/wp-content\\\/uploads\\\/2023\\\/09\\\/Habitatges-port-Badalona-26.jpg&quot;},{&quot;src&quot;:&quot;https:\\\/\\\/www.garciafaura.com\\\/wp-content\\\/uploads\\\/2023\\\/09\\\/Habitatges-port-Badalona-25.jpg&quot;},{&quot;src&quot;:&quot;https:\\\/\\\/www.garciafaura.com\\\/wp-content\\\/uploads\\\/2023\\\/09\\\/Habitatges-port-Badalona-24.jpg&quot;},{&quot;src&quot;:&quot;https:\\\/\\\/www.garciafaura.com\\\/wp-content\\\/uploads\\\/2023\\\/09\\\/Habitatges-port-Badalona-23.jpg&quot;},{&quot;src&quot;:&quot;https:\\\/\\\/www.garciafaura.com\\\/wp-content\\\/uploads\\\/2023\\\/09\\\/Habitatges-port-Badalona-22.jpg&quot;},{&quot;src&quot;:&quot;https:\\\/\\\/www.garciafaura.com\\\/wp-content\\\/uploads\\\/2023\\\/09\\\/Habitatges-port-Badalona-21.jpg&quot;},{&quot;src&quot;:&quot;https:\\\/\\\/www.garciafaura.com\\\/wp-content\\\/uploads\\\/2023\\\/09\\\/Habitatges-port-Badalona-20.jpg&quot;},{&quot;src&quot;:&quot;https:\\\/\\\/www.garciafaura.com\\\/wp-content\\\/uploads\\\/2023\\\/09\\\/Habitatges-port-Badalona-19.jpg&quot;},{&quot;src&quot;:&quot;https:\\\/\\\/www.garciafaura.com\\\/wp-content\\\/uploads\\\/2023\\\/09\\\/Habitatges-port-Badalona-18.jpg&quot;},{&quot;src&quot;:&quot;https:\\\/\\\/www.garciafaura.com\\\/wp-content\\\/uploads\\\/2023\\\/09\\\/Habitatges-port-Badalona-17.jpg&quot;},{&quot;src&quot;:&quot;https:\\\/\\\/www.garciafaura.com\\\/wp-content\\\/uploads\\\/2023\\\/09\\\/Habitatges-port-Badalona-16.jpg&quot;},{&quot;src&quot;:&quot;https:\\\/\\\/www.garciafaura.com\\\/wp-content\\\/uploads\\\/2023\\\/09\\\/Habitatges-port-Badalona-15.jpg&quot;},{&quot;src&quot;:&quot;https:\\\/\\\/www.garciafaura.com\\\/wp-content\\\/uploads\\\/2023\\\/09\\\/Habitatges-port-Badalona-14.jpg&quot;},{&quot;src&quot;:&quot;https:\\\/\\\/www.garciafaura.com\\\/wp-content\\\/uploads\\\/2023\\\/09\\\/Habitatges-port-Badalona-13.jpg&quot;},{&quot;src&quot;:&quot;https:\\\/\\\/www.garciafaura.com\\\/wp-content\\\/uploads\\\/2023\\\/09\\\/Habitatges-port-Badalona-12.jpg&quot;},{&quot;src&quot;:&quot;https:\\\/\\\/www.garciafaura.com\\\/wp-content\\\/uploads\\\/2023\\\/09\\\/Habitatges-port-Badalona-11.jpg&quot;},{&quot;src&quot;:&quot;https:\\\/\\\/www.garciafaura.com\\\/wp-content\\\/uploads\\\/2023\\\/09\\\/Habitatges-port-Badalona-10.jpg&quot;},{&quot;src&quot;:&quot;https:\\\/\\\/www.garciafaura.com\\\/wp-content\\\/uploads\\\/2023\\\/09\\\/Habitatges-port-Badalona-09.jpg&quot;},{&quot;src&quot;:&quot;https:\\\/\\\/www.garciafaura.com\\\/wp-content\\\/uploads\\\/2023\\\/09\\\/Habitatges-port-Badalona-08.jpg&quot;},{&quot;src&quot;:&quot;https:\\\/\\\/www.garciafaura.com\\\/wp-content\\\/uploads\\\/2023\\\/09\\\/Habitatges-port-Badalona-07.jpg&quot;},{&quot;src&quot;:&quot;https:\\\/\\\/www.garciafaura.com\\\/wp-content\\\/uploads\\\/2023\\\/09\\\/Habitatges-port-Badalona-06.jpg&quot;},{&quot;src&quot;:&quot;https:\\\/\\\/www.garciafaura.com\\\/wp-content\\\/uploads\\\/2023\\\/09\\\/Habitatges-port-Badalona-05.jpg&quot;},{&quot;src&quot;:&quot;https:\\\/\\\/www.garciafaura.com\\\/wp-content\\\/uploads\\\/2023\\\/09\\\/Habitatges-port-Badalona-04.jpg&quot;},{&quot;src&quot;:&quot;https:\\\/\\\/www.garciafaura.com\\\/wp-content\\\/uploads\\\/2023\\\/09\\\/Habitatges-port-Badalona-03.jpg&quot;},{&quot;src&quot;:&quot;https:\\\/\\\/www.garciafaura.com\\\/wp-content\\\/uploads\\\/2023\\\/09\\\/Habitatges-port-Badalona-02.jpg&quot;}]\"><img loading=\"lazy\" decoding=\"async\" data-no-lazy=\"1\" class=\"portfolio-entry-img skip-lazy\" src=\"https:\/\/www.garciafaura.com\/wp-content\/uploads\/2023\/09\/Habitatges-port-Badalona-27-600x314.jpg\" alt='' data-no-retina width=\"600\" height=\"314\" \/><\/a><\/div><div class=\"portfolio-entry-details entry-details wpex-clr\"><h2 class=\"portfolio-entry-title entry-title\"><a href=\"https:\/\/www.garciafaura.com\/en\/portfolio-item\/promocio-habitatges-illa-6-badalona\/\" title=\"Housing promotion isle 6 Badalona\">Housing promotion isle 6 Badalona<\/a><\/h2><div class=\"portfolio-entry-categories entry-categories wpex-clr\"><a href=\"https:\/\/www.garciafaura.com\/en\/portfolio-category\/residential-complexes\/\" class=\"term-76\">Residential complexes<\/a><\/div><\/div><\/div><\/div><div class=\"portfolio-entry vcex-grid-item entry-has-details span_1_of_3 col col-2 vcex-isotope-entry vcex-no-margin-entry post-32516 entry type-portfolio has-media cat-76 translation_priority-15\"><div class=\"portfolio-entry-inner entry-inner wpex-clr\"><div class=\"portfolio-entry-media entry-media wpex-clr\"><a href=\"https:\/\/www.garciafaura.com\/wp-content\/uploads\/2023\/08\/Residencial-Can-Calderon-01.jpg\" title=\"Residential Can Calder\u00f3n\" class=\"portfolio-entry-media-link wpex-lightbox-gallery\" data-gallery=\"[{&quot;src&quot;:&quot;https:\\\/\\\/www.garciafaura.com\\\/wp-content\\\/uploads\\\/2023\\\/08\\\/Residencial-Can-Calderon-01.jpg&quot;},{&quot;src&quot;:&quot;https:\\\/\\\/www.garciafaura.com\\\/wp-content\\\/uploads\\\/2023\\\/08\\\/Residencial-Can-Calderon-22.jpg&quot;},{&quot;src&quot;:&quot;https:\\\/\\\/www.garciafaura.com\\\/wp-content\\\/uploads\\\/2023\\\/08\\\/Residencial-Can-Calderon-21.jpg&quot;},{&quot;src&quot;:&quot;https:\\\/\\\/www.garciafaura.com\\\/wp-content\\\/uploads\\\/2023\\\/08\\\/Residencial-Can-Calderon-20.jpg&quot;},{&quot;src&quot;:&quot;https:\\\/\\\/www.garciafaura.com\\\/wp-content\\\/uploads\\\/2023\\\/08\\\/Residencial-Can-Calderon-19.jpg&quot;},{&quot;src&quot;:&quot;https:\\\/\\\/www.garciafaura.com\\\/wp-content\\\/uploads\\\/2023\\\/08\\\/Residencial-Can-Calderon-18.jpg&quot;},{&quot;src&quot;:&quot;https:\\\/\\\/www.garciafaura.com\\\/wp-content\\\/uploads\\\/2023\\\/08\\\/Residencial-Can-Calderon-17.jpg&quot;},{&quot;src&quot;:&quot;https:\\\/\\\/www.garciafaura.com\\\/wp-content\\\/uploads\\\/2023\\\/08\\\/Residencial-Can-Calderon-16.jpg&quot;},{&quot;src&quot;:&quot;https:\\\/\\\/www.garciafaura.com\\\/wp-content\\\/uploads\\\/2023\\\/08\\\/Residencial-Can-Calderon-15.jpg&quot;},{&quot;src&quot;:&quot;https:\\\/\\\/www.garciafaura.com\\\/wp-content\\\/uploads\\\/2023\\\/08\\\/Residencial-Can-Calderon-14.jpg&quot;},{&quot;src&quot;:&quot;https:\\\/\\\/www.garciafaura.com\\\/wp-content\\\/uploads\\\/2023\\\/08\\\/Residencial-Can-Calderon-13.jpg&quot;},{&quot;src&quot;:&quot;https:\\\/\\\/www.garciafaura.com\\\/wp-content\\\/uploads\\\/2023\\\/08\\\/Residencial-Can-Calderon-12.jpg&quot;},{&quot;src&quot;:&quot;https:\\\/\\\/www.garciafaura.com\\\/wp-content\\\/uploads\\\/2023\\\/08\\\/Residencial-Can-Calderon-11.jpg&quot;},{&quot;src&quot;:&quot;https:\\\/\\\/www.garciafaura.com\\\/wp-content\\\/uploads\\\/2023\\\/08\\\/Residencial-Can-Calderon-10.jpg&quot;},{&quot;src&quot;:&quot;https:\\\/\\\/www.garciafaura.com\\\/wp-content\\\/uploads\\\/2023\\\/08\\\/Residencial-Can-Calderon-09.jpg&quot;},{&quot;src&quot;:&quot;https:\\\/\\\/www.garciafaura.com\\\/wp-content\\\/uploads\\\/2023\\\/08\\\/Residencial-Can-Calderon-08.jpg&quot;},{&quot;src&quot;:&quot;https:\\\/\\\/www.garciafaura.com\\\/wp-content\\\/uploads\\\/2023\\\/08\\\/Residencial-Can-Calderon-07.jpg&quot;},{&quot;src&quot;:&quot;https:\\\/\\\/www.garciafaura.com\\\/wp-content\\\/uploads\\\/2023\\\/08\\\/Residencial-Can-Calderon-06.jpg&quot;},{&quot;src&quot;:&quot;https:\\\/\\\/www.garciafaura.com\\\/wp-content\\\/uploads\\\/2023\\\/08\\\/Residencial-Can-Calderon-05.jpg&quot;},{&quot;src&quot;:&quot;https:\\\/\\\/www.garciafaura.com\\\/wp-content\\\/uploads\\\/2023\\\/08\\\/Residencial-Can-Calderon-04.jpg&quot;},{&quot;src&quot;:&quot;https:\\\/\\\/www.garciafaura.com\\\/wp-content\\\/uploads\\\/2023\\\/08\\\/Residencial-Can-Calderon-03.jpg&quot;},{&quot;src&quot;:&quot;https:\\\/\\\/www.garciafaura.com\\\/wp-content\\\/uploads\\\/2023\\\/08\\\/Residencial-Can-Calderon-02.jpg&quot;}]\"><img loading=\"lazy\" decoding=\"async\" data-no-lazy=\"1\" class=\"portfolio-entry-img skip-lazy\" src=\"https:\/\/www.garciafaura.com\/wp-content\/uploads\/2023\/08\/Residencial-Can-Calderon-01-600x314.jpg\" alt='' data-no-retina width=\"600\" height=\"314\" \/><\/a><\/div><div class=\"portfolio-entry-details entry-details wpex-clr\"><h2 class=\"portfolio-entry-title entry-title\"><a href=\"https:\/\/www.garciafaura.com\/en\/portfolio-item\/residencial-can-calderon\/\" title=\"Residential Can Calder\u00f3n\">Residential Can Calder\u00f3n<\/a><\/h2><div class=\"portfolio-entry-categories entry-categories wpex-clr\"><a href=\"https:\/\/www.garciafaura.com\/en\/portfolio-category\/residential-complexes\/\" class=\"term-76\">Residential complexes<\/a><\/div><\/div><\/div><\/div><div class=\"portfolio-entry vcex-grid-item entry-has-details span_1_of_3 col col-3 vcex-isotope-entry vcex-no-margin-entry post-32290 entry type-portfolio has-media cat-83 cat-76 translation_priority-15\"><div class=\"portfolio-entry-inner entry-inner wpex-clr\"><div class=\"portfolio-entry-media entry-media wpex-clr\"><a href=\"https:\/\/www.garciafaura.com\/wp-content\/uploads\/2023\/07\/Meritxell-Andorra-01-1.jpg\" title=\"Promotion Meritxell Andorra\" class=\"portfolio-entry-media-link wpex-lightbox-gallery\" data-gallery=\"[{&quot;src&quot;:&quot;https:\\\/\\\/www.garciafaura.com\\\/wp-content\\\/uploads\\\/2023\\\/07\\\/Meritxell-Andorra-01-1.jpg&quot;},{&quot;src&quot;:&quot;https:\\\/\\\/www.garciafaura.com\\\/wp-content\\\/uploads\\\/2023\\\/07\\\/Meritxell-Andorra-05.jpg&quot;},{&quot;src&quot;:&quot;https:\\\/\\\/www.garciafaura.com\\\/wp-content\\\/uploads\\\/2023\\\/07\\\/Meritxell-Andorra-04.jpg&quot;},{&quot;src&quot;:&quot;https:\\\/\\\/www.garciafaura.com\\\/wp-content\\\/uploads\\\/2023\\\/07\\\/Meritxell-Andorra-03-1.jpg&quot;},{&quot;src&quot;:&quot;https:\\\/\\\/www.garciafaura.com\\\/wp-content\\\/uploads\\\/2023\\\/07\\\/Meritxell-Andorra-02-1.jpg&quot;}]\"><img loading=\"lazy\" decoding=\"async\" data-no-lazy=\"1\" class=\"portfolio-entry-img skip-lazy\" src=\"https:\/\/www.garciafaura.com\/wp-content\/uploads\/2023\/07\/Meritxell-Andorra-01-1-600x314.jpg\" alt='' data-no-retina width=\"600\" height=\"314\" \/><\/a><\/div><div class=\"portfolio-entry-details entry-details wpex-clr\"><h2 class=\"portfolio-entry-title entry-title\"><a href=\"https:\/\/www.garciafaura.com\/en\/portfolio-item\/promocio-meritxell-andorra\/\" title=\"Promotion Meritxell Andorra\">Promotion Meritxell Andorra<\/a><\/h2><div class=\"portfolio-entry-categories entry-categories wpex-clr\"><a href=\"https:\/\/www.garciafaura.com\/en\/portfolio-category\/facades\/\" class=\"term-83\">Facades<\/a><\/div><\/div><\/div><\/div><div class=\"portfolio-entry vcex-grid-item entry-has-details span_1_of_3 col col-1 vcex-isotope-entry vcex-no-margin-entry post-31940 entry type-portfolio has-media cat-87 cat-76 cat-74 translation_priority-15\"><div class=\"portfolio-entry-inner entry-inner wpex-clr\"><div class=\"portfolio-entry-media entry-media wpex-clr\"><a href=\"https:\/\/www.garciafaura.com\/wp-content\/uploads\/2023\/04\/Habitatges-residencia-carrer-Mallorca-14.jpg\" title=\"Mallorca 234 housing and residence\" class=\"portfolio-entry-media-link wpex-lightbox-gallery\" data-gallery=\"[{&quot;src&quot;:&quot;https:\\\/\\\/www.garciafaura.com\\\/wp-content\\\/uploads\\\/2023\\\/04\\\/Habitatges-residencia-carrer-Mallorca-14.jpg&quot;,&quot;title&quot;:&quot;GARCIA FAURA&quot;},{&quot;src&quot;:&quot;https:\\\/\\\/www.garciafaura.com\\\/wp-content\\\/uploads\\\/2023\\\/04\\\/Habitatges-residencia-carrer-Mallorca-32.jpg&quot;,&quot;title&quot;:&quot;GARCIA FAURA&quot;},{&quot;src&quot;:&quot;https:\\\/\\\/www.garciafaura.com\\\/wp-content\\\/uploads\\\/2023\\\/04\\\/Habitatges-residencia-carrer-Mallorca-31.jpg&quot;,&quot;title&quot;:&quot;GARCIA FAURA&quot;},{&quot;src&quot;:&quot;https:\\\/\\\/www.garciafaura.com\\\/wp-content\\\/uploads\\\/2023\\\/04\\\/Habitatges-residencia-carrer-Mallorca-30.jpg&quot;,&quot;title&quot;:&quot;GARCIA FAURA&quot;},{&quot;src&quot;:&quot;https:\\\/\\\/www.garciafaura.com\\\/wp-content\\\/uploads\\\/2023\\\/04\\\/Habitatges-residencia-carrer-Mallorca-29.jpg&quot;,&quot;title&quot;:&quot;GARCIA FAURA&quot;},{&quot;src&quot;:&quot;https:\\\/\\\/www.garciafaura.com\\\/wp-content\\\/uploads\\\/2023\\\/04\\\/Habitatges-residencia-carrer-Mallorca-28.jpg&quot;,&quot;title&quot;:&quot;GARCIA FAURA&quot;},{&quot;src&quot;:&quot;https:\\\/\\\/www.garciafaura.com\\\/wp-content\\\/uploads\\\/2023\\\/04\\\/Habitatges-residencia-carrer-Mallorca-27.jpg&quot;,&quot;title&quot;:&quot;GARCIA FAURA&quot;},{&quot;src&quot;:&quot;https:\\\/\\\/www.garciafaura.com\\\/wp-content\\\/uploads\\\/2023\\\/04\\\/Habitatges-residencia-carrer-Mallorca-26.jpg&quot;,&quot;title&quot;:&quot;GARCIA FAURA&quot;},{&quot;src&quot;:&quot;https:\\\/\\\/www.garciafaura.com\\\/wp-content\\\/uploads\\\/2023\\\/04\\\/Habitatges-residencia-carrer-Mallorca-25.jpg&quot;,&quot;title&quot;:&quot;GARCIA FAURA&quot;},{&quot;src&quot;:&quot;https:\\\/\\\/www.garciafaura.com\\\/wp-content\\\/uploads\\\/2023\\\/04\\\/Habitatges-residencia-carrer-Mallorca-24.jpg&quot;,&quot;title&quot;:&quot;GARCIA FAURA&quot;},{&quot;src&quot;:&quot;https:\\\/\\\/www.garciafaura.com\\\/wp-content\\\/uploads\\\/2023\\\/04\\\/Habitatges-residencia-carrer-Mallorca-23.jpg&quot;,&quot;title&quot;:&quot;GARCIA FAURA&quot;},{&quot;src&quot;:&quot;https:\\\/\\\/www.garciafaura.com\\\/wp-content\\\/uploads\\\/2023\\\/04\\\/Habitatges-residencia-carrer-Mallorca-22.jpg&quot;,&quot;title&quot;:&quot;GARCIA FAURA&quot;},{&quot;src&quot;:&quot;https:\\\/\\\/www.garciafaura.com\\\/wp-content\\\/uploads\\\/2023\\\/04\\\/Habitatges-residencia-carrer-Mallorca-21.jpg&quot;,&quot;title&quot;:&quot;GARCIA FAURA&quot;},{&quot;src&quot;:&quot;https:\\\/\\\/www.garciafaura.com\\\/wp-content\\\/uploads\\\/2023\\\/04\\\/Habitatges-residencia-carrer-Mallorca-20.jpg&quot;,&quot;title&quot;:&quot;GARCIA FAURA&quot;},{&quot;src&quot;:&quot;https:\\\/\\\/www.garciafaura.com\\\/wp-content\\\/uploads\\\/2023\\\/04\\\/Habitatges-residencia-carrer-Mallorca-19.jpg&quot;,&quot;title&quot;:&quot;GARCIA FAURA&quot;},{&quot;src&quot;:&quot;https:\\\/\\\/www.garciafaura.com\\\/wp-content\\\/uploads\\\/2023\\\/04\\\/Habitatges-residencia-carrer-Mallorca-18.jpg&quot;,&quot;title&quot;:&quot;GARCIA FAURA&quot;},{&quot;src&quot;:&quot;https:\\\/\\\/www.garciafaura.com\\\/wp-content\\\/uploads\\\/2023\\\/04\\\/Habitatges-residencia-carrer-Mallorca-17.jpg&quot;,&quot;title&quot;:&quot;GARCIA FAURA&quot;},{&quot;src&quot;:&quot;https:\\\/\\\/www.garciafaura.com\\\/wp-content\\\/uploads\\\/2023\\\/04\\\/Habitatges-residencia-carrer-Mallorca-16.jpg&quot;,&quot;title&quot;:&quot;GARCIA FAURA&quot;},{&quot;src&quot;:&quot;https:\\\/\\\/www.garciafaura.com\\\/wp-content\\\/uploads\\\/2023\\\/04\\\/Habitatges-residencia-carrer-Mallorca-15.jpg&quot;,&quot;title&quot;:&quot;GARCIA FAURA&quot;},{&quot;src&quot;:&quot;https:\\\/\\\/www.garciafaura.com\\\/wp-content\\\/uploads\\\/2023\\\/04\\\/Habitatges-residencia-carrer-Mallorca-13.jpg&quot;,&quot;title&quot;:&quot;GARCIA FAURA&quot;},{&quot;src&quot;:&quot;https:\\\/\\\/www.garciafaura.com\\\/wp-content\\\/uploads\\\/2023\\\/04\\\/Habitatges-residencia-carrer-Mallorca-12.jpg&quot;,&quot;title&quot;:&quot;GARCIA FAURA&quot;},{&quot;src&quot;:&quot;https:\\\/\\\/www.garciafaura.com\\\/wp-content\\\/uploads\\\/2023\\\/04\\\/Habitatges-residencia-carrer-Mallorca-11.jpg&quot;,&quot;title&quot;:&quot;GARCIA FAURA&quot;},{&quot;src&quot;:&quot;https:\\\/\\\/www.garciafaura.com\\\/wp-content\\\/uploads\\\/2023\\\/04\\\/Habitatges-residencia-carrer-Mallorca-10.jpg&quot;,&quot;title&quot;:&quot;GARCIA FAURA&quot;},{&quot;src&quot;:&quot;https:\\\/\\\/www.garciafaura.com\\\/wp-content\\\/uploads\\\/2023\\\/04\\\/Habitatges-residencia-carrer-Mallorca-9.jpg&quot;,&quot;title&quot;:&quot;GARCIA FAURA&quot;},{&quot;src&quot;:&quot;https:\\\/\\\/www.garciafaura.com\\\/wp-content\\\/uploads\\\/2023\\\/04\\\/Habitatges-residencia-carrer-Mallorca-8.jpg&quot;,&quot;title&quot;:&quot;GARCIA FAURA&quot;},{&quot;src&quot;:&quot;https:\\\/\\\/www.garciafaura.com\\\/wp-content\\\/uploads\\\/2023\\\/04\\\/Habitatges-residencia-carrer-Mallorca-7.jpg&quot;,&quot;title&quot;:&quot;GARCIA FAURA&quot;},{&quot;src&quot;:&quot;https:\\\/\\\/www.garciafaura.com\\\/wp-content\\\/uploads\\\/2023\\\/04\\\/Habitatges-residencia-carrer-Mallorca-6.jpg&quot;,&quot;title&quot;:&quot;GARCIA FAURA&quot;},{&quot;src&quot;:&quot;https:\\\/\\\/www.garciafaura.com\\\/wp-content\\\/uploads\\\/2023\\\/04\\\/Habitatges-residencia-carrer-Mallorca-5.jpg&quot;,&quot;title&quot;:&quot;GARCIA FAURA&quot;},{&quot;src&quot;:&quot;https:\\\/\\\/www.garciafaura.com\\\/wp-content\\\/uploads\\\/2023\\\/04\\\/Habitatges-residencia-carrer-Mallorca-4.jpg&quot;,&quot;title&quot;:&quot;GARCIA FAURA&quot;},{&quot;src&quot;:&quot;https:\\\/\\\/www.garciafaura.com\\\/wp-content\\\/uploads\\\/2023\\\/04\\\/Habitatges-residencia-carrer-Mallorca-3.jpg&quot;,&quot;title&quot;:&quot;GARCIA FAURA&quot;},{&quot;src&quot;:&quot;https:\\\/\\\/www.garciafaura.com\\\/wp-content\\\/uploads\\\/2023\\\/04\\\/Habitatges-residencia-carrer-Mallorca-2.jpg&quot;,&quot;title&quot;:&quot;GARCIA FAURA&quot;},{&quot;src&quot;:&quot;https:\\\/\\\/www.garciafaura.com\\\/wp-content\\\/uploads\\\/2023\\\/04\\\/Habitatges-residencia-carrer-Mallorca-1.jpg&quot;,&quot;title&quot;:&quot;GARCIA FAURA&quot;}]\"><img loading=\"lazy\" decoding=\"async\" data-no-lazy=\"1\" class=\"portfolio-entry-img skip-lazy\" src=\"https:\/\/www.garciafaura.com\/wp-content\/uploads\/2023\/04\/Habitatges-residencia-carrer-Mallorca-14-600x314.jpg\" alt=\"GARCIA FAURA\" data-no-retina width=\"600\" height=\"314\" \/><\/a><\/div><div class=\"portfolio-entry-details entry-details wpex-clr\"><h2 class=\"portfolio-entry-title entry-title\"><a href=\"https:\/\/www.garciafaura.com\/en\/portfolio-item\/habitatges-i-residencia-mallorca-234\/\" title=\"Mallorca 234 housing and residence\">Mallorca 234 housing and residence<\/a><\/h2><div class=\"portfolio-entry-categories entry-categories wpex-clr\"><a href=\"https:\/\/www.garciafaura.com\/en\/portfolio-category\/redevelopment\/\" class=\"term-87\">Redevelopment<\/a><\/div><\/div><\/div><\/div><div class=\"portfolio-entry vcex-grid-item entry-has-details span_1_of_3 col col-2 vcex-isotope-entry vcex-no-margin-entry post-31917 entry type-portfolio has-media cat-76 translation_priority-15\"><div class=\"portfolio-entry-inner entry-inner wpex-clr\"><div class=\"portfolio-entry-media entry-media wpex-clr\"><a href=\"https:\/\/www.garciafaura.com\/wp-content\/uploads\/2023\/04\/Promocio-Carrer-Gava-01.jpg\" title=\"Gava\u0300 Street promotion, in Barcelona\" class=\"portfolio-entry-media-link wpex-lightbox-gallery\" data-gallery=\"[{&quot;src&quot;:&quot;https:\\\/\\\/www.garciafaura.com\\\/wp-content\\\/uploads\\\/2023\\\/04\\\/Promocio-Carrer-Gava-01.jpg&quot;},{&quot;src&quot;:&quot;https:\\\/\\\/www.garciafaura.com\\\/wp-content\\\/uploads\\\/2023\\\/04\\\/Promocio-Carrer-Gava-16.jpg&quot;},{&quot;src&quot;:&quot;https:\\\/\\\/www.garciafaura.com\\\/wp-content\\\/uploads\\\/2023\\\/04\\\/Promocio-Carrer-Gava-15.jpg&quot;},{&quot;src&quot;:&quot;https:\\\/\\\/www.garciafaura.com\\\/wp-content\\\/uploads\\\/2023\\\/04\\\/Promocio-Carrer-Gava-14.jpg&quot;},{&quot;src&quot;:&quot;https:\\\/\\\/www.garciafaura.com\\\/wp-content\\\/uploads\\\/2023\\\/04\\\/Promocio-Carrer-Gava-13.jpg&quot;},{&quot;src&quot;:&quot;https:\\\/\\\/www.garciafaura.com\\\/wp-content\\\/uploads\\\/2023\\\/04\\\/Promocio-Carrer-Gava-12.jpg&quot;},{&quot;src&quot;:&quot;https:\\\/\\\/www.garciafaura.com\\\/wp-content\\\/uploads\\\/2023\\\/04\\\/Promocio-Carrer-Gava-11.jpg&quot;},{&quot;src&quot;:&quot;https:\\\/\\\/www.garciafaura.com\\\/wp-content\\\/uploads\\\/2023\\\/04\\\/Promocio-Carrer-Gava-10.jpg&quot;},{&quot;src&quot;:&quot;https:\\\/\\\/www.garciafaura.com\\\/wp-content\\\/uploads\\\/2023\\\/04\\\/Promocio-Carrer-Gava-09.jpg&quot;},{&quot;src&quot;:&quot;https:\\\/\\\/www.garciafaura.com\\\/wp-content\\\/uploads\\\/2023\\\/04\\\/Promocio-Carrer-Gava-08.jpg&quot;},{&quot;src&quot;:&quot;https:\\\/\\\/www.garciafaura.com\\\/wp-content\\\/uploads\\\/2023\\\/04\\\/Promocio-Carrer-Gava-07.jpg&quot;},{&quot;src&quot;:&quot;https:\\\/\\\/www.garciafaura.com\\\/wp-content\\\/uploads\\\/2023\\\/04\\\/Promocio-Carrer-Gava-06.jpg&quot;},{&quot;src&quot;:&quot;https:\\\/\\\/www.garciafaura.com\\\/wp-content\\\/uploads\\\/2023\\\/04\\\/Promocio-Carrer-Gava-05.jpg&quot;},{&quot;src&quot;:&quot;https:\\\/\\\/www.garciafaura.com\\\/wp-content\\\/uploads\\\/2023\\\/04\\\/Promocio-Carrer-Gava-04.jpg&quot;},{&quot;src&quot;:&quot;https:\\\/\\\/www.garciafaura.com\\\/wp-content\\\/uploads\\\/2023\\\/04\\\/Promocio-Carrer-Gava-03.jpg&quot;},{&quot;src&quot;:&quot;https:\\\/\\\/www.garciafaura.com\\\/wp-content\\\/uploads\\\/2023\\\/04\\\/Promocio-Carrer-Gava-02.jpg&quot;}]\"><img loading=\"lazy\" decoding=\"async\" data-no-lazy=\"1\" class=\"portfolio-entry-img skip-lazy\" src=\"https:\/\/www.garciafaura.com\/wp-content\/uploads\/2023\/04\/Promocio-Carrer-Gava-01-600x314.jpg\" alt='' data-no-retina width=\"600\" height=\"314\" \/><\/a><\/div><div class=\"portfolio-entry-details entry-details wpex-clr\"><h2 class=\"portfolio-entry-title entry-title\"><a href=\"https:\/\/www.garciafaura.com\/en\/portfolio-item\/promocio-carrer-gava-barcelona\/\" title=\"Gava\u0300 Street promotion, in Barcelona\">Gava\u0300 Street promotion, in Barcelona<\/a><\/h2><div class=\"portfolio-entry-categories entry-categories wpex-clr\"><a href=\"https:\/\/www.garciafaura.com\/en\/portfolio-category\/residential-complexes\/\" class=\"term-76\">Residential complexes<\/a><\/div><\/div><\/div><\/div><div class=\"portfolio-entry vcex-grid-item entry-has-details span_1_of_3 col col-3 vcex-isotope-entry vcex-no-margin-entry post-31423 entry type-portfolio has-media cat-76 translation_priority-15\"><div class=\"portfolio-entry-inner entry-inner wpex-clr\"><div class=\"portfolio-entry-media entry-media wpex-clr\"><a href=\"https:\/\/www.garciafaura.com\/wp-content\/uploads\/2023\/02\/Promocio-Sardenya-01.jpg\" title=\"Residential Sardenya\" class=\"portfolio-entry-media-link wpex-lightbox-gallery\" data-gallery=\"[{&quot;src&quot;:&quot;https:\\\/\\\/www.garciafaura.com\\\/wp-content\\\/uploads\\\/2023\\\/02\\\/Promocio-Sardenya-01.jpg&quot;},{&quot;src&quot;:&quot;https:\\\/\\\/www.garciafaura.com\\\/wp-content\\\/uploads\\\/2023\\\/02\\\/Promocio-Sardenya-19.jpg&quot;},{&quot;src&quot;:&quot;https:\\\/\\\/www.garciafaura.com\\\/wp-content\\\/uploads\\\/2023\\\/02\\\/Promocio-Sardenya-18.jpg&quot;},{&quot;src&quot;:&quot;https:\\\/\\\/www.garciafaura.com\\\/wp-content\\\/uploads\\\/2023\\\/02\\\/Promocio-Sardenya-17.jpg&quot;},{&quot;src&quot;:&quot;https:\\\/\\\/www.garciafaura.com\\\/wp-content\\\/uploads\\\/2023\\\/02\\\/Promocio-Sardenya-16.jpg&quot;},{&quot;src&quot;:&quot;https:\\\/\\\/www.garciafaura.com\\\/wp-content\\\/uploads\\\/2023\\\/02\\\/Promocio-Sardenya-15.jpg&quot;},{&quot;src&quot;:&quot;https:\\\/\\\/www.garciafaura.com\\\/wp-content\\\/uploads\\\/2023\\\/02\\\/Promocio-Sardenya-14.jpg&quot;},{&quot;src&quot;:&quot;https:\\\/\\\/www.garciafaura.com\\\/wp-content\\\/uploads\\\/2023\\\/02\\\/Promocio-Sardenya-13.jpg&quot;},{&quot;src&quot;:&quot;https:\\\/\\\/www.garciafaura.com\\\/wp-content\\\/uploads\\\/2023\\\/02\\\/Promocio-Sardenya-12.jpg&quot;},{&quot;src&quot;:&quot;https:\\\/\\\/www.garciafaura.com\\\/wp-content\\\/uploads\\\/2023\\\/02\\\/Promocio-Sardenya-11.jpg&quot;},{&quot;src&quot;:&quot;https:\\\/\\\/www.garciafaura.com\\\/wp-content\\\/uploads\\\/2023\\\/02\\\/Promocio-Sardenya-10.jpg&quot;},{&quot;src&quot;:&quot;https:\\\/\\\/www.garciafaura.com\\\/wp-content\\\/uploads\\\/2023\\\/02\\\/Promocio-Sardenya-09.jpg&quot;},{&quot;src&quot;:&quot;https:\\\/\\\/www.garciafaura.com\\\/wp-content\\\/uploads\\\/2023\\\/02\\\/Promocio-Sardenya-08.jpg&quot;},{&quot;src&quot;:&quot;https:\\\/\\\/www.garciafaura.com\\\/wp-content\\\/uploads\\\/2023\\\/02\\\/Promocio-Sardenya-07.jpg&quot;},{&quot;src&quot;:&quot;https:\\\/\\\/www.garciafaura.com\\\/wp-content\\\/uploads\\\/2023\\\/02\\\/Promocio-Sardenya-06.jpg&quot;},{&quot;src&quot;:&quot;https:\\\/\\\/www.garciafaura.com\\\/wp-content\\\/uploads\\\/2023\\\/02\\\/Promocio-Sardenya-05.jpg&quot;},{&quot;src&quot;:&quot;https:\\\/\\\/www.garciafaura.com\\\/wp-content\\\/uploads\\\/2023\\\/02\\\/Promocio-Sardenya-04.jpg&quot;},{&quot;src&quot;:&quot;https:\\\/\\\/www.garciafaura.com\\\/wp-content\\\/uploads\\\/2023\\\/02\\\/Promocio-Sardenya-03.jpg&quot;},{&quot;src&quot;:&quot;https:\\\/\\\/www.garciafaura.com\\\/wp-content\\\/uploads\\\/2023\\\/02\\\/Promocio-Sardenya-02.jpg&quot;}]\"><img loading=\"lazy\" decoding=\"async\" data-no-lazy=\"1\" class=\"portfolio-entry-img skip-lazy\" src=\"https:\/\/www.garciafaura.com\/wp-content\/uploads\/2023\/02\/Promocio-Sardenya-01-600x314.jpg\" alt='' data-no-retina width=\"600\" height=\"314\" \/><\/a><\/div><div class=\"portfolio-entry-details entry-details wpex-clr\"><h2 class=\"portfolio-entry-title entry-title\"><a href=\"https:\/\/www.garciafaura.com\/en\/portfolio-item\/residencial-sardenya\/\" title=\"Residential Sardenya\">Residential Sardenya<\/a><\/h2><div class=\"portfolio-entry-categories entry-categories wpex-clr\"><a href=\"https:\/\/www.garciafaura.com\/en\/portfolio-category\/residential-complexes\/\" class=\"term-76\">Residential complexes<\/a><\/div><\/div><\/div><\/div><div class=\"portfolio-entry vcex-grid-item entry-has-details span_1_of_3 col col-1 vcex-isotope-entry vcex-no-margin-entry post-31390 entry type-portfolio has-media cat-76 translation_priority-15\"><div class=\"portfolio-entry-inner entry-inner wpex-clr\"><div class=\"portfolio-entry-media entry-media wpex-clr\"><a href=\"https:\/\/www.garciafaura.com\/wp-content\/uploads\/2023\/02\/La-Sinia-Martorell-28.jpg\" title=\"Promotion La S\u00ednia Martorell\" class=\"portfolio-entry-media-link wpex-lightbox-gallery\" data-gallery=\"[{&quot;src&quot;:&quot;https:\\\/\\\/www.garciafaura.com\\\/wp-content\\\/uploads\\\/2023\\\/02\\\/La-Sinia-Martorell-28.jpg&quot;},{&quot;src&quot;:&quot;https:\\\/\\\/www.garciafaura.com\\\/wp-content\\\/uploads\\\/2023\\\/02\\\/La-Sinia-Martorell-01.jpg&quot;},{&quot;src&quot;:&quot;https:\\\/\\\/www.garciafaura.com\\\/wp-content\\\/uploads\\\/2023\\\/02\\\/La-Sinia-Martorell-33.jpg&quot;},{&quot;src&quot;:&quot;https:\\\/\\\/www.garciafaura.com\\\/wp-content\\\/uploads\\\/2023\\\/02\\\/La-Sinia-Martorell-32.jpg&quot;},{&quot;src&quot;:&quot;https:\\\/\\\/www.garciafaura.com\\\/wp-content\\\/uploads\\\/2023\\\/02\\\/La-Sinia-Martorell-31.jpg&quot;},{&quot;src&quot;:&quot;https:\\\/\\\/www.garciafaura.com\\\/wp-content\\\/uploads\\\/2023\\\/02\\\/La-Sinia-Martorell-30.jpg&quot;},{&quot;src&quot;:&quot;https:\\\/\\\/www.garciafaura.com\\\/wp-content\\\/uploads\\\/2023\\\/02\\\/La-Sinia-Martorell-29.jpg&quot;},{&quot;src&quot;:&quot;https:\\\/\\\/www.garciafaura.com\\\/wp-content\\\/uploads\\\/2023\\\/02\\\/La-Sinia-Martorell-27.jpg&quot;},{&quot;src&quot;:&quot;https:\\\/\\\/www.garciafaura.com\\\/wp-content\\\/uploads\\\/2023\\\/02\\\/La-Sinia-Martorell-26.jpg&quot;},{&quot;src&quot;:&quot;https:\\\/\\\/www.garciafaura.com\\\/wp-content\\\/uploads\\\/2023\\\/02\\\/La-Sinia-Martorell-25.jpg&quot;},{&quot;src&quot;:&quot;https:\\\/\\\/www.garciafaura.com\\\/wp-content\\\/uploads\\\/2023\\\/02\\\/La-Sinia-Martorell-24.jpg&quot;},{&quot;src&quot;:&quot;https:\\\/\\\/www.garciafaura.com\\\/wp-content\\\/uploads\\\/2023\\\/02\\\/La-Sinia-Martorell-23.jpg&quot;},{&quot;src&quot;:&quot;https:\\\/\\\/www.garciafaura.com\\\/wp-content\\\/uploads\\\/2023\\\/02\\\/La-Sinia-Martorell-22.jpg&quot;},{&quot;src&quot;:&quot;https:\\\/\\\/www.garciafaura.com\\\/wp-content\\\/uploads\\\/2023\\\/02\\\/La-Sinia-Martorell-21.jpg&quot;},{&quot;src&quot;:&quot;https:\\\/\\\/www.garciafaura.com\\\/wp-content\\\/uploads\\\/2023\\\/02\\\/La-Sinia-Martorell-20.jpg&quot;},{&quot;src&quot;:&quot;https:\\\/\\\/www.garciafaura.com\\\/wp-content\\\/uploads\\\/2023\\\/02\\\/La-Sinia-Martorell-19.jpg&quot;},{&quot;src&quot;:&quot;https:\\\/\\\/www.garciafaura.com\\\/wp-content\\\/uploads\\\/2023\\\/02\\\/La-Sinia-Martorell-18.jpg&quot;},{&quot;src&quot;:&quot;https:\\\/\\\/www.garciafaura.com\\\/wp-content\\\/uploads\\\/2023\\\/02\\\/La-Sinia-Martorell-17.jpg&quot;},{&quot;src&quot;:&quot;https:\\\/\\\/www.garciafaura.com\\\/wp-content\\\/uploads\\\/2023\\\/02\\\/La-Sinia-Martorell-16.jpg&quot;},{&quot;src&quot;:&quot;https:\\\/\\\/www.garciafaura.com\\\/wp-content\\\/uploads\\\/2023\\\/02\\\/La-Sinia-Martorell-15.jpg&quot;},{&quot;src&quot;:&quot;https:\\\/\\\/www.garciafaura.com\\\/wp-content\\\/uploads\\\/2023\\\/02\\\/La-Sinia-Martorell-14.jpg&quot;},{&quot;src&quot;:&quot;https:\\\/\\\/www.garciafaura.com\\\/wp-content\\\/uploads\\\/2023\\\/02\\\/La-Sinia-Martorell-13.jpg&quot;},{&quot;src&quot;:&quot;https:\\\/\\\/www.garciafaura.com\\\/wp-content\\\/uploads\\\/2023\\\/02\\\/La-Sinia-Martorell-12.jpg&quot;},{&quot;src&quot;:&quot;https:\\\/\\\/www.garciafaura.com\\\/wp-content\\\/uploads\\\/2023\\\/02\\\/La-Sinia-Martorell-11.jpg&quot;},{&quot;src&quot;:&quot;https:\\\/\\\/www.garciafaura.com\\\/wp-content\\\/uploads\\\/2023\\\/02\\\/La-Sinia-Martorell-10.jpg&quot;},{&quot;src&quot;:&quot;https:\\\/\\\/www.garciafaura.com\\\/wp-content\\\/uploads\\\/2023\\\/02\\\/La-Sinia-Martorell-09.jpg&quot;},{&quot;src&quot;:&quot;https:\\\/\\\/www.garciafaura.com\\\/wp-content\\\/uploads\\\/2023\\\/02\\\/La-Sinia-Martorell-08.jpg&quot;},{&quot;src&quot;:&quot;https:\\\/\\\/www.garciafaura.com\\\/wp-content\\\/uploads\\\/2023\\\/02\\\/La-Sinia-Martorell-07.jpg&quot;},{&quot;src&quot;:&quot;https:\\\/\\\/www.garciafaura.com\\\/wp-content\\\/uploads\\\/2023\\\/02\\\/La-Sinia-Martorell-06.jpg&quot;},{&quot;src&quot;:&quot;https:\\\/\\\/www.garciafaura.com\\\/wp-content\\\/uploads\\\/2023\\\/02\\\/La-Sinia-Martorell-05.jpg&quot;},{&quot;src&quot;:&quot;https:\\\/\\\/www.garciafaura.com\\\/wp-content\\\/uploads\\\/2023\\\/02\\\/La-Sinia-Martorell-04.jpg&quot;},{&quot;src&quot;:&quot;https:\\\/\\\/www.garciafaura.com\\\/wp-content\\\/uploads\\\/2023\\\/02\\\/La-Sinia-Martorell-03.jpg&quot;},{&quot;src&quot;:&quot;https:\\\/\\\/www.garciafaura.com\\\/wp-content\\\/uploads\\\/2023\\\/02\\\/La-Sinia-Martorell-02.jpg&quot;}]\"><img loading=\"lazy\" decoding=\"async\" data-no-lazy=\"1\" class=\"portfolio-entry-img skip-lazy\" src=\"https:\/\/www.garciafaura.com\/wp-content\/uploads\/2023\/02\/La-Sinia-Martorell-28-600x314.jpg\" alt='' data-no-retina width=\"600\" height=\"314\" \/><\/a><\/div><div class=\"portfolio-entry-details entry-details wpex-clr\"><h2 class=\"portfolio-entry-title entry-title\"><a href=\"https:\/\/www.garciafaura.com\/en\/portfolio-item\/promocio-la-sinia-martorell\/\" title=\"Promotion La S\u00ednia Martorell\">Promotion La S\u00ednia Martorell<\/a><\/h2><div class=\"portfolio-entry-categories entry-categories wpex-clr\"><a href=\"https:\/\/www.garciafaura.com\/en\/portfolio-category\/residential-complexes\/\" class=\"term-76\">Residential complexes<\/a><\/div><\/div><\/div><\/div><div class=\"portfolio-entry vcex-grid-item entry-has-details span_1_of_3 col col-2 vcex-isotope-entry vcex-no-margin-entry post-31323 entry type-portfolio has-media cat-86 cat-71 cat-76 cat-70 translation_priority-15\"><div class=\"portfolio-entry-inner entry-inner wpex-clr\"><div class=\"portfolio-entry-media entry-media wpex-clr\"><a href=\"https:\/\/www.garciafaura.com\/wp-content\/uploads\/2023\/02\/Residencial-Blue-Badalona-09.jpg\" title=\"Residential Blue Badalona\" class=\"portfolio-entry-media-link wpex-lightbox-gallery\" data-gallery=\"[{&quot;src&quot;:&quot;https:\\\/\\\/www.garciafaura.com\\\/wp-content\\\/uploads\\\/2023\\\/02\\\/Residencial-Blue-Badalona-09.jpg&quot;},{&quot;src&quot;:&quot;https:\\\/\\\/www.garciafaura.com\\\/wp-content\\\/uploads\\\/2023\\\/02\\\/Residencial-Blue-Badalona-01.jpg&quot;},{&quot;src&quot;:&quot;https:\\\/\\\/www.garciafaura.com\\\/wp-content\\\/uploads\\\/2023\\\/02\\\/Residencial-Blue-Badalona-38.jpg&quot;},{&quot;src&quot;:&quot;https:\\\/\\\/www.garciafaura.com\\\/wp-content\\\/uploads\\\/2023\\\/02\\\/Residencial-Blue-Badalona-37.jpg&quot;},{&quot;src&quot;:&quot;https:\\\/\\\/www.garciafaura.com\\\/wp-content\\\/uploads\\\/2023\\\/02\\\/Residencial-Blue-Badalona-36.jpg&quot;},{&quot;src&quot;:&quot;https:\\\/\\\/www.garciafaura.com\\\/wp-content\\\/uploads\\\/2023\\\/02\\\/Residencial-Blue-Badalona-35.jpg&quot;},{&quot;src&quot;:&quot;https:\\\/\\\/www.garciafaura.com\\\/wp-content\\\/uploads\\\/2023\\\/02\\\/Residencial-Blue-Badalona-34.jpg&quot;},{&quot;src&quot;:&quot;https:\\\/\\\/www.garciafaura.com\\\/wp-content\\\/uploads\\\/2023\\\/02\\\/Residencial-Blue-Badalona-33.jpg&quot;},{&quot;src&quot;:&quot;https:\\\/\\\/www.garciafaura.com\\\/wp-content\\\/uploads\\\/2023\\\/02\\\/Residencial-Blue-Badalona-32.jpg&quot;},{&quot;src&quot;:&quot;https:\\\/\\\/www.garciafaura.com\\\/wp-content\\\/uploads\\\/2023\\\/02\\\/Residencial-Blue-Badalona-31.jpg&quot;},{&quot;src&quot;:&quot;https:\\\/\\\/www.garciafaura.com\\\/wp-content\\\/uploads\\\/2023\\\/02\\\/Residencial-Blue-Badalona-30.jpg&quot;},{&quot;src&quot;:&quot;https:\\\/\\\/www.garciafaura.com\\\/wp-content\\\/uploads\\\/2023\\\/02\\\/Residencial-Blue-Badalona-29.jpg&quot;},{&quot;src&quot;:&quot;https:\\\/\\\/www.garciafaura.com\\\/wp-content\\\/uploads\\\/2023\\\/02\\\/Residencial-Blue-Badalona-28.jpg&quot;},{&quot;src&quot;:&quot;https:\\\/\\\/www.garciafaura.com\\\/wp-content\\\/uploads\\\/2023\\\/02\\\/Residencial-Blue-Badalona-27.jpg&quot;},{&quot;src&quot;:&quot;https:\\\/\\\/www.garciafaura.com\\\/wp-content\\\/uploads\\\/2023\\\/02\\\/Residencial-Blue-Badalona-26.jpg&quot;},{&quot;src&quot;:&quot;https:\\\/\\\/www.garciafaura.com\\\/wp-content\\\/uploads\\\/2023\\\/02\\\/Residencial-Blue-Badalona-25.jpg&quot;},{&quot;src&quot;:&quot;https:\\\/\\\/www.garciafaura.com\\\/wp-content\\\/uploads\\\/2023\\\/02\\\/Residencial-Blue-Badalona-24.jpg&quot;},{&quot;src&quot;:&quot;https:\\\/\\\/www.garciafaura.com\\\/wp-content\\\/uploads\\\/2023\\\/02\\\/Residencial-Blue-Badalona-23.jpg&quot;},{&quot;src&quot;:&quot;https:\\\/\\\/www.garciafaura.com\\\/wp-content\\\/uploads\\\/2023\\\/02\\\/Residencial-Blue-Badalona-22.jpg&quot;},{&quot;src&quot;:&quot;https:\\\/\\\/www.garciafaura.com\\\/wp-content\\\/uploads\\\/2023\\\/02\\\/Residencial-Blue-Badalona-21.jpg&quot;},{&quot;src&quot;:&quot;https:\\\/\\\/www.garciafaura.com\\\/wp-content\\\/uploads\\\/2023\\\/02\\\/Residencial-Blue-Badalona-20.jpg&quot;},{&quot;src&quot;:&quot;https:\\\/\\\/www.garciafaura.com\\\/wp-content\\\/uploads\\\/2023\\\/02\\\/Residencial-Blue-Badalona-19.jpg&quot;},{&quot;src&quot;:&quot;https:\\\/\\\/www.garciafaura.com\\\/wp-content\\\/uploads\\\/2023\\\/02\\\/Residencial-Blue-Badalona-18.jpg&quot;},{&quot;src&quot;:&quot;https:\\\/\\\/www.garciafaura.com\\\/wp-content\\\/uploads\\\/2023\\\/02\\\/Residencial-Blue-Badalona-17.jpg&quot;},{&quot;src&quot;:&quot;https:\\\/\\\/www.garciafaura.com\\\/wp-content\\\/uploads\\\/2023\\\/02\\\/Residencial-Blue-Badalona-16.jpg&quot;},{&quot;src&quot;:&quot;https:\\\/\\\/www.garciafaura.com\\\/wp-content\\\/uploads\\\/2023\\\/02\\\/Residencial-Blue-Badalona-15.jpg&quot;},{&quot;src&quot;:&quot;https:\\\/\\\/www.garciafaura.com\\\/wp-content\\\/uploads\\\/2023\\\/02\\\/Residencial-Blue-Badalona-14.jpg&quot;},{&quot;src&quot;:&quot;https:\\\/\\\/www.garciafaura.com\\\/wp-content\\\/uploads\\\/2023\\\/02\\\/Residencial-Blue-Badalona-13.jpg&quot;},{&quot;src&quot;:&quot;https:\\\/\\\/www.garciafaura.com\\\/wp-content\\\/uploads\\\/2023\\\/02\\\/Residencial-Blue-Badalona-12.jpg&quot;},{&quot;src&quot;:&quot;https:\\\/\\\/www.garciafaura.com\\\/wp-content\\\/uploads\\\/2023\\\/02\\\/Residencial-Blue-Badalona-11.jpg&quot;},{&quot;src&quot;:&quot;https:\\\/\\\/www.garciafaura.com\\\/wp-content\\\/uploads\\\/2023\\\/02\\\/Residencial-Blue-Badalona-10.jpg&quot;},{&quot;src&quot;:&quot;https:\\\/\\\/www.garciafaura.com\\\/wp-content\\\/uploads\\\/2023\\\/02\\\/Residencial-Blue-Badalona-08.jpg&quot;},{&quot;src&quot;:&quot;https:\\\/\\\/www.garciafaura.com\\\/wp-content\\\/uploads\\\/2023\\\/02\\\/Residencial-Blue-Badalona-07.jpg&quot;},{&quot;src&quot;:&quot;https:\\\/\\\/www.garciafaura.com\\\/wp-content\\\/uploads\\\/2023\\\/02\\\/Residencial-Blue-Badalona-06.jpg&quot;},{&quot;src&quot;:&quot;https:\\\/\\\/www.garciafaura.com\\\/wp-content\\\/uploads\\\/2023\\\/02\\\/Residencial-Blue-Badalona-05.jpg&quot;},{&quot;src&quot;:&quot;https:\\\/\\\/www.garciafaura.com\\\/wp-content\\\/uploads\\\/2023\\\/02\\\/Residencial-Blue-Badalona-04.jpg&quot;},{&quot;src&quot;:&quot;https:\\\/\\\/www.garciafaura.com\\\/wp-content\\\/uploads\\\/2023\\\/02\\\/Residencial-Blue-Badalona-03.jpg&quot;},{&quot;src&quot;:&quot;https:\\\/\\\/www.garciafaura.com\\\/wp-content\\\/uploads\\\/2023\\\/02\\\/Residencial-Blue-Badalona-02.jpg&quot;}]\"><img loading=\"lazy\" decoding=\"async\" data-no-lazy=\"1\" class=\"portfolio-entry-img skip-lazy\" src=\"https:\/\/www.garciafaura.com\/wp-content\/uploads\/2023\/02\/Residencial-Blue-Badalona-09-600x314.jpg\" alt='' data-no-retina width=\"600\" height=\"314\" \/><\/a><\/div><div class=\"portfolio-entry-details entry-details wpex-clr\"><h2 class=\"portfolio-entry-title entry-title\"><a href=\"https:\/\/www.garciafaura.com\/en\/portfolio-item\/residencial-blue-badalona\/\" title=\"Residential Blue Badalona\">Residential Blue Badalona<\/a><\/h2><div class=\"portfolio-entry-categories entry-categories wpex-clr\"><a href=\"https:\/\/www.garciafaura.com\/en\/portfolio-category\/residential-development\/\" class=\"term-70\">Residential development<\/a><\/div><\/div><\/div><\/div><div class=\"portfolio-entry vcex-grid-item entry-has-details span_1_of_3 col col-3 vcex-isotope-entry vcex-no-margin-entry post-31295 entry type-portfolio has-media cat-76 translation_priority-15\"><div class=\"portfolio-entry-inner entry-inner wpex-clr\"><div class=\"portfolio-entry-media entry-media wpex-clr\"><a href=\"https:\/\/www.garciafaura.com\/wp-content\/uploads\/2023\/02\/Marina-Prat-Vermell-1.jpg\" title=\"Berlin &#038; Lisbon buildings (Barcelona)\" class=\"portfolio-entry-media-link wpex-lightbox-gallery\" data-gallery=\"[{&quot;src&quot;:&quot;https:\\\/\\\/www.garciafaura.com\\\/wp-content\\\/uploads\\\/2023\\\/02\\\/Marina-Prat-Vermell-1.jpg&quot;},{&quot;src&quot;:&quot;https:\\\/\\\/www.garciafaura.com\\\/wp-content\\\/uploads\\\/2023\\\/02\\\/Marina-Prat-Vermell-29.jpg&quot;},{&quot;src&quot;:&quot;https:\\\/\\\/www.garciafaura.com\\\/wp-content\\\/uploads\\\/2023\\\/02\\\/Marina-Prat-Vermell-28.jpg&quot;},{&quot;src&quot;:&quot;https:\\\/\\\/www.garciafaura.com\\\/wp-content\\\/uploads\\\/2023\\\/02\\\/Marina-Prat-Vermell-27.jpg&quot;},{&quot;src&quot;:&quot;https:\\\/\\\/www.garciafaura.com\\\/wp-content\\\/uploads\\\/2023\\\/02\\\/Marina-Prat-Vermell-26.jpg&quot;},{&quot;src&quot;:&quot;https:\\\/\\\/www.garciafaura.com\\\/wp-content\\\/uploads\\\/2023\\\/02\\\/Marina-Prat-Vermell-25.jpg&quot;},{&quot;src&quot;:&quot;https:\\\/\\\/www.garciafaura.com\\\/wp-content\\\/uploads\\\/2023\\\/02\\\/Marina-Prat-Vermell-24.jpg&quot;},{&quot;src&quot;:&quot;https:\\\/\\\/www.garciafaura.com\\\/wp-content\\\/uploads\\\/2023\\\/02\\\/Marina-Prat-Vermell-23.jpg&quot;},{&quot;src&quot;:&quot;https:\\\/\\\/www.garciafaura.com\\\/wp-content\\\/uploads\\\/2023\\\/02\\\/Marina-Prat-Vermell-22.jpg&quot;},{&quot;src&quot;:&quot;https:\\\/\\\/www.garciafaura.com\\\/wp-content\\\/uploads\\\/2023\\\/02\\\/Marina-Prat-Vermell-21.jpg&quot;},{&quot;src&quot;:&quot;https:\\\/\\\/www.garciafaura.com\\\/wp-content\\\/uploads\\\/2023\\\/02\\\/Marina-Prat-Vermell-20.jpg&quot;},{&quot;src&quot;:&quot;https:\\\/\\\/www.garciafaura.com\\\/wp-content\\\/uploads\\\/2023\\\/02\\\/Marina-Prat-Vermell-19.jpg&quot;},{&quot;src&quot;:&quot;https:\\\/\\\/www.garciafaura.com\\\/wp-content\\\/uploads\\\/2023\\\/02\\\/Marina-Prat-Vermell-18.jpg&quot;},{&quot;src&quot;:&quot;https:\\\/\\\/www.garciafaura.com\\\/wp-content\\\/uploads\\\/2023\\\/02\\\/Marina-Prat-Vermell-17.jpg&quot;},{&quot;src&quot;:&quot;https:\\\/\\\/www.garciafaura.com\\\/wp-content\\\/uploads\\\/2023\\\/02\\\/Marina-Prat-Vermell-16.jpg&quot;},{&quot;src&quot;:&quot;https:\\\/\\\/www.garciafaura.com\\\/wp-content\\\/uploads\\\/2023\\\/02\\\/Marina-Prat-Vermell-15.jpg&quot;},{&quot;src&quot;:&quot;https:\\\/\\\/www.garciafaura.com\\\/wp-content\\\/uploads\\\/2023\\\/02\\\/Marina-Prat-Vermell-14.jpg&quot;},{&quot;src&quot;:&quot;https:\\\/\\\/www.garciafaura.com\\\/wp-content\\\/uploads\\\/2023\\\/02\\\/Marina-Prat-Vermell-13.jpg&quot;},{&quot;src&quot;:&quot;https:\\\/\\\/www.garciafaura.com\\\/wp-content\\\/uploads\\\/2023\\\/02\\\/Marina-Prat-Vermell-12.jpg&quot;},{&quot;src&quot;:&quot;https:\\\/\\\/www.garciafaura.com\\\/wp-content\\\/uploads\\\/2023\\\/02\\\/Marina-Prat-Vermell-11.jpg&quot;},{&quot;src&quot;:&quot;https:\\\/\\\/www.garciafaura.com\\\/wp-content\\\/uploads\\\/2023\\\/02\\\/Marina-Prat-Vermell-10.jpg&quot;},{&quot;src&quot;:&quot;https:\\\/\\\/www.garciafaura.com\\\/wp-content\\\/uploads\\\/2023\\\/02\\\/Marina-Prat-Vermell-9.jpg&quot;},{&quot;src&quot;:&quot;https:\\\/\\\/www.garciafaura.com\\\/wp-content\\\/uploads\\\/2023\\\/02\\\/Marina-Prat-Vermell-8.jpg&quot;},{&quot;src&quot;:&quot;https:\\\/\\\/www.garciafaura.com\\\/wp-content\\\/uploads\\\/2023\\\/02\\\/Marina-Prat-Vermell-7.jpg&quot;},{&quot;src&quot;:&quot;https:\\\/\\\/www.garciafaura.com\\\/wp-content\\\/uploads\\\/2023\\\/02\\\/Marina-Prat-Vermell-6.jpg&quot;},{&quot;src&quot;:&quot;https:\\\/\\\/www.garciafaura.com\\\/wp-content\\\/uploads\\\/2023\\\/02\\\/Marina-Prat-Vermell-5.jpg&quot;},{&quot;src&quot;:&quot;https:\\\/\\\/www.garciafaura.com\\\/wp-content\\\/uploads\\\/2023\\\/02\\\/Marina-Prat-Vermell-4.jpg&quot;},{&quot;src&quot;:&quot;https:\\\/\\\/www.garciafaura.com\\\/wp-content\\\/uploads\\\/2023\\\/02\\\/Marina-Prat-Vermell-3.jpg&quot;},{&quot;src&quot;:&quot;https:\\\/\\\/www.garciafaura.com\\\/wp-content\\\/uploads\\\/2023\\\/02\\\/Marina-Prat-Vermell-2.jpg&quot;}]\"><img loading=\"lazy\" decoding=\"async\" data-no-lazy=\"1\" class=\"portfolio-entry-img skip-lazy\" src=\"https:\/\/www.garciafaura.com\/wp-content\/uploads\/2023\/02\/Marina-Prat-Vermell-1-600x314.jpg\" alt='' data-no-retina width=\"600\" height=\"314\" \/><\/a><\/div><div class=\"portfolio-entry-details entry-details wpex-clr\"><h2 class=\"portfolio-entry-title entry-title\"><a href=\"https:\/\/www.garciafaura.com\/en\/portfolio-item\/marina-del-prat-vermell-illa-a\/\" title=\"Berlin &#038; Lisbon buildings (Barcelona)\">Berlin &#038; Lisbon buildings (Barcelona)<\/a><\/h2><div class=\"portfolio-entry-categories entry-categories wpex-clr\"><a href=\"https:\/\/www.garciafaura.com\/en\/portfolio-category\/residential-complexes\/\" class=\"term-76\">Residential complexes<\/a><\/div><\/div><\/div><\/div><div class=\"portfolio-entry vcex-grid-item entry-has-details span_1_of_3 col col-1 vcex-isotope-entry vcex-no-margin-entry post-30968 entry type-portfolio has-media cat-76 translation_priority-15\"><div class=\"portfolio-entry-inner entry-inner wpex-clr\"><div class=\"portfolio-entry-media entry-media wpex-clr\"><a href=\"https:\/\/www.garciafaura.com\/wp-content\/uploads\/2022\/11\/Mirador-Maresme-4.jpg\" title=\"Mirador del Maresme Promotion\" class=\"portfolio-entry-media-link wpex-lightbox-gallery\" data-gallery=\"[{&quot;src&quot;:&quot;https:\\\/\\\/www.garciafaura.com\\\/wp-content\\\/uploads\\\/2022\\\/11\\\/Mirador-Maresme-1.jpg&quot;,&quot;title&quot;:&quot;Mirador Maresme Garcia Faura&quot;},{&quot;src&quot;:&quot;https:\\\/\\\/www.garciafaura.com\\\/wp-content\\\/uploads\\\/2022\\\/11\\\/Mirador-Maresme-2.jpg&quot;,&quot;title&quot;:&quot;Mirador Maresme Garcia Faura&quot;},{&quot;src&quot;:&quot;https:\\\/\\\/www.garciafaura.com\\\/wp-content\\\/uploads\\\/2022\\\/11\\\/Mirador-Maresme-3.jpg&quot;,&quot;title&quot;:&quot;Mirador Maresme Garcia Faura&quot;},{&quot;src&quot;:&quot;https:\\\/\\\/www.garciafaura.com\\\/wp-content\\\/uploads\\\/2022\\\/11\\\/Mirador-Maresme-4.jpg&quot;,&quot;title&quot;:&quot;Mirador Maresme Garcia Faura&quot;},{&quot;src&quot;:&quot;https:\\\/\\\/www.garciafaura.com\\\/wp-content\\\/uploads\\\/2022\\\/11\\\/Mirador-Maresme-5.jpg&quot;,&quot;title&quot;:&quot;Mirador Maresme Garcia Faura&quot;},{&quot;src&quot;:&quot;https:\\\/\\\/www.garciafaura.com\\\/wp-content\\\/uploads\\\/2022\\\/11\\\/Mirador-Maresme-6.jpg&quot;,&quot;title&quot;:&quot;Mirador Maresme Garcia Faura&quot;},{&quot;src&quot;:&quot;https:\\\/\\\/www.garciafaura.com\\\/wp-content\\\/uploads\\\/2022\\\/11\\\/Mirador-Maresme-7.jpg&quot;,&quot;title&quot;:&quot;Mirador Maresme Garcia Faura&quot;},{&quot;src&quot;:&quot;https:\\\/\\\/www.garciafaura.com\\\/wp-content\\\/uploads\\\/2022\\\/11\\\/Mirador-Maresme-8.jpg&quot;,&quot;title&quot;:&quot;Mirador Maresme Garcia Faura&quot;},{&quot;src&quot;:&quot;https:\\\/\\\/www.garciafaura.com\\\/wp-content\\\/uploads\\\/2022\\\/11\\\/Mirador-Maresme-9.jpg&quot;,&quot;title&quot;:&quot;Mirador Maresme Garcia Faura&quot;},{&quot;src&quot;:&quot;https:\\\/\\\/www.garciafaura.com\\\/wp-content\\\/uploads\\\/2022\\\/11\\\/Mirador-Maresme-10.jpg&quot;,&quot;title&quot;:&quot;Mirador Maresme Garcia Faura&quot;},{&quot;src&quot;:&quot;https:\\\/\\\/www.garciafaura.com\\\/wp-content\\\/uploads\\\/2022\\\/11\\\/Mirador-Maresme-11.jpg&quot;,&quot;title&quot;:&quot;Mirador Maresme Garcia Faura&quot;},{&quot;src&quot;:&quot;https:\\\/\\\/www.garciafaura.com\\\/wp-content\\\/uploads\\\/2022\\\/11\\\/Mirador-Maresme-12.jpg&quot;,&quot;title&quot;:&quot;Mirador Maresme Garcia Faura&quot;},{&quot;src&quot;:&quot;https:\\\/\\\/www.garciafaura.com\\\/wp-content\\\/uploads\\\/2022\\\/11\\\/Mirador-Maresme-13.jpg&quot;,&quot;title&quot;:&quot;Mirador Maresme Garcia Faura&quot;},{&quot;src&quot;:&quot;https:\\\/\\\/www.garciafaura.com\\\/wp-content\\\/uploads\\\/2022\\\/11\\\/Mirador-Maresme-14.jpg&quot;,&quot;title&quot;:&quot;Mirador Maresme Garcia Faura&quot;},{&quot;src&quot;:&quot;https:\\\/\\\/www.garciafaura.com\\\/wp-content\\\/uploads\\\/2022\\\/11\\\/Mirador-Maresme-15.jpg&quot;,&quot;title&quot;:&quot;Mirador Maresme Garcia Faura&quot;},{&quot;src&quot;:&quot;https:\\\/\\\/www.garciafaura.com\\\/wp-content\\\/uploads\\\/2022\\\/11\\\/Mirador-Maresme-16.jpg&quot;,&quot;title&quot;:&quot;Mirador Maresme Garcia Faura&quot;},{&quot;src&quot;:&quot;https:\\\/\\\/www.garciafaura.com\\\/wp-content\\\/uploads\\\/2022\\\/11\\\/Mirador-Maresme-17.jpg&quot;,&quot;title&quot;:&quot;Mirador Maresme Garcia Faura&quot;},{&quot;src&quot;:&quot;https:\\\/\\\/www.garciafaura.com\\\/wp-content\\\/uploads\\\/2022\\\/11\\\/Mirador-Maresme-18.jpg&quot;,&quot;title&quot;:&quot;Mirador Maresme Garcia Faura&quot;},{&quot;src&quot;:&quot;https:\\\/\\\/www.garciafaura.com\\\/wp-content\\\/uploads\\\/2022\\\/11\\\/Mirador-Maresme-19.jpg&quot;,&quot;title&quot;:&quot;Mirador Maresme Garcia Faura&quot;},{&quot;src&quot;:&quot;https:\\\/\\\/www.garciafaura.com\\\/wp-content\\\/uploads\\\/2022\\\/11\\\/Mirador-Maresme-20.jpg&quot;,&quot;title&quot;:&quot;Mirador Maresme Garcia Faura&quot;},{&quot;src&quot;:&quot;https:\\\/\\\/www.garciafaura.com\\\/wp-content\\\/uploads\\\/2022\\\/11\\\/Mirador-Maresme-21.jpg&quot;,&quot;title&quot;:&quot;Mirador Maresme Garcia Faura&quot;},{&quot;src&quot;:&quot;https:\\\/\\\/www.garciafaura.com\\\/wp-content\\\/uploads\\\/2022\\\/11\\\/Mirador-Maresme-22.jpg&quot;,&quot;title&quot;:&quot;Mirador Maresme Garcia Faura&quot;},{&quot;src&quot;:&quot;https:\\\/\\\/www.garciafaura.com\\\/wp-content\\\/uploads\\\/2022\\\/11\\\/Mirador-Maresme-23.jpg&quot;,&quot;title&quot;:&quot;Mirador Maresme Garcia Faura&quot;},{&quot;src&quot;:&quot;https:\\\/\\\/www.garciafaura.com\\\/wp-content\\\/uploads\\\/2022\\\/11\\\/Mirador-Maresme-24.jpg&quot;,&quot;title&quot;:&quot;Mirador Maresme Garcia Faura&quot;},{&quot;src&quot;:&quot;https:\\\/\\\/www.garciafaura.com\\\/wp-content\\\/uploads\\\/2022\\\/11\\\/Mirador-Maresme-25.jpg&quot;,&quot;title&quot;:&quot;Mirador Maresme Garcia Faura&quot;},{&quot;src&quot;:&quot;https:\\\/\\\/www.garciafaura.com\\\/wp-content\\\/uploads\\\/2022\\\/11\\\/Mirador-Maresme-26.jpg&quot;,&quot;title&quot;:&quot;Mirador Maresme Garcia Faura&quot;},{&quot;src&quot;:&quot;https:\\\/\\\/www.garciafaura.com\\\/wp-content\\\/uploads\\\/2022\\\/11\\\/Mirador-Maresme-27.jpg&quot;,&quot;title&quot;:&quot;Mirador Maresme Garcia Faura&quot;},{&quot;src&quot;:&quot;https:\\\/\\\/www.garciafaura.com\\\/wp-content\\\/uploads\\\/2022\\\/11\\\/Mirador-Maresme-28.jpg&quot;,&quot;title&quot;:&quot;Mirador Maresme Garcia Faura&quot;},{&quot;src&quot;:&quot;https:\\\/\\\/www.garciafaura.com\\\/wp-content\\\/uploads\\\/2022\\\/11\\\/Mirador-Maresme-29.jpg&quot;,&quot;title&quot;:&quot;Mirador Maresme Garcia Faura&quot;},{&quot;src&quot;:&quot;https:\\\/\\\/www.garciafaura.com\\\/wp-content\\\/uploads\\\/2022\\\/11\\\/Mirador-Maresme-30.jpg&quot;,&quot;title&quot;:&quot;Mirador Maresme Garcia Faura&quot;}]\"><img loading=\"lazy\" decoding=\"async\" data-no-lazy=\"1\" class=\"portfolio-entry-img skip-lazy\" src=\"https:\/\/www.garciafaura.com\/wp-content\/uploads\/2022\/11\/Mirador-Maresme-4-600x314.jpg\" alt=\"Mirador Maresme Garcia Faura\" data-no-retina width=\"600\" height=\"314\" \/><\/a><\/div><div class=\"portfolio-entry-details entry-details wpex-clr\"><h2 class=\"portfolio-entry-title entry-title\"><a href=\"https:\/\/www.garciafaura.com\/en\/portfolio-item\/promocio-mirador-del-maresme-2\/\" title=\"Mirador del Maresme Promotion\">Mirador del Maresme Promotion<\/a><\/h2><div class=\"portfolio-entry-categories entry-categories wpex-clr\"><a href=\"https:\/\/www.garciafaura.com\/en\/portfolio-category\/residential-complexes\/\" class=\"term-76\">Residential complexes<\/a><\/div><\/div><\/div><\/div><div class=\"portfolio-entry vcex-grid-item entry-has-details span_1_of_3 col col-2 vcex-isotope-entry vcex-no-margin-entry post-30365 entry type-portfolio has-media cat-76 translation_priority-15\"><div class=\"portfolio-entry-inner entry-inner wpex-clr\"><div class=\"portfolio-entry-media entry-media wpex-clr\"><a href=\"https:\/\/www.garciafaura.com\/wp-content\/uploads\/2022\/09\/Verge-Montserrat-04.jpg\" title=\"Housing development in Barcelona\" class=\"portfolio-entry-media-link wpex-lightbox-gallery\" data-gallery=\"[{&quot;src&quot;:&quot;https:\\\/\\\/www.garciafaura.com\\\/wp-content\\\/uploads\\\/2022\\\/09\\\/Verge-Montserrat-03.jpg&quot;},{&quot;src&quot;:&quot;https:\\\/\\\/www.garciafaura.com\\\/wp-content\\\/uploads\\\/2022\\\/09\\\/Verge-Montserrat-17.jpg&quot;},{&quot;src&quot;:&quot;https:\\\/\\\/www.garciafaura.com\\\/wp-content\\\/uploads\\\/2022\\\/09\\\/Verge-Montserrat-16.jpg&quot;},{&quot;src&quot;:&quot;https:\\\/\\\/www.garciafaura.com\\\/wp-content\\\/uploads\\\/2022\\\/09\\\/Verge-Montserrat-15.jpg&quot;},{&quot;src&quot;:&quot;https:\\\/\\\/www.garciafaura.com\\\/wp-content\\\/uploads\\\/2022\\\/09\\\/Verge-Montserrat-14.jpg&quot;},{&quot;src&quot;:&quot;https:\\\/\\\/www.garciafaura.com\\\/wp-content\\\/uploads\\\/2022\\\/09\\\/Verge-Montserrat-13.jpg&quot;},{&quot;src&quot;:&quot;https:\\\/\\\/www.garciafaura.com\\\/wp-content\\\/uploads\\\/2022\\\/09\\\/Verge-Montserrat-12.jpg&quot;},{&quot;src&quot;:&quot;https:\\\/\\\/www.garciafaura.com\\\/wp-content\\\/uploads\\\/2022\\\/09\\\/Verge-Montserrat-11.jpg&quot;},{&quot;src&quot;:&quot;https:\\\/\\\/www.garciafaura.com\\\/wp-content\\\/uploads\\\/2022\\\/09\\\/Verge-Montserrat-10.jpg&quot;},{&quot;src&quot;:&quot;https:\\\/\\\/www.garciafaura.com\\\/wp-content\\\/uploads\\\/2022\\\/09\\\/Verge-Montserrat-09.jpg&quot;},{&quot;src&quot;:&quot;https:\\\/\\\/www.garciafaura.com\\\/wp-content\\\/uploads\\\/2022\\\/09\\\/Verge-Montserrat-08.jpg&quot;},{&quot;src&quot;:&quot;https:\\\/\\\/www.garciafaura.com\\\/wp-content\\\/uploads\\\/2022\\\/09\\\/Verge-Montserrat-07.jpg&quot;},{&quot;src&quot;:&quot;https:\\\/\\\/www.garciafaura.com\\\/wp-content\\\/uploads\\\/2022\\\/09\\\/Verge-Montserrat-06.jpg&quot;},{&quot;src&quot;:&quot;https:\\\/\\\/www.garciafaura.com\\\/wp-content\\\/uploads\\\/2022\\\/09\\\/Verge-Montserrat-05.jpg&quot;},{&quot;src&quot;:&quot;https:\\\/\\\/www.garciafaura.com\\\/wp-content\\\/uploads\\\/2022\\\/09\\\/Verge-Montserrat-04.jpg&quot;},{&quot;src&quot;:&quot;https:\\\/\\\/www.garciafaura.com\\\/wp-content\\\/uploads\\\/2022\\\/09\\\/Verge-Montserrat-02.jpg&quot;},{&quot;src&quot;:&quot;https:\\\/\\\/www.garciafaura.com\\\/wp-content\\\/uploads\\\/2022\\\/09\\\/Verge-Montserrat-01.jpg&quot;},{&quot;src&quot;:&quot;https:\\\/\\\/www.garciafaura.com\\\/wp-content\\\/uploads\\\/2022\\\/09\\\/Verge-Montserrat-31.jpg&quot;},{&quot;src&quot;:&quot;https:\\\/\\\/www.garciafaura.com\\\/wp-content\\\/uploads\\\/2022\\\/09\\\/Verge-Montserrat-30.jpg&quot;},{&quot;src&quot;:&quot;https:\\\/\\\/www.garciafaura.com\\\/wp-content\\\/uploads\\\/2022\\\/09\\\/Verge-Montserrat-29.jpg&quot;},{&quot;src&quot;:&quot;https:\\\/\\\/www.garciafaura.com\\\/wp-content\\\/uploads\\\/2022\\\/09\\\/Verge-Montserrat-28.jpg&quot;},{&quot;src&quot;:&quot;https:\\\/\\\/www.garciafaura.com\\\/wp-content\\\/uploads\\\/2022\\\/09\\\/Verge-Montserrat-27.jpg&quot;},{&quot;src&quot;:&quot;https:\\\/\\\/www.garciafaura.com\\\/wp-content\\\/uploads\\\/2022\\\/09\\\/Verge-Montserrat-26.jpg&quot;},{&quot;src&quot;:&quot;https:\\\/\\\/www.garciafaura.com\\\/wp-content\\\/uploads\\\/2022\\\/09\\\/Verge-Montserrat-25.jpg&quot;},{&quot;src&quot;:&quot;https:\\\/\\\/www.garciafaura.com\\\/wp-content\\\/uploads\\\/2022\\\/09\\\/Verge-Montserrat-24.jpg&quot;},{&quot;src&quot;:&quot;https:\\\/\\\/www.garciafaura.com\\\/wp-content\\\/uploads\\\/2022\\\/09\\\/Verge-Montserrat-23.jpg&quot;},{&quot;src&quot;:&quot;https:\\\/\\\/www.garciafaura.com\\\/wp-content\\\/uploads\\\/2022\\\/09\\\/Verge-Montserrat-22.jpg&quot;},{&quot;src&quot;:&quot;https:\\\/\\\/www.garciafaura.com\\\/wp-content\\\/uploads\\\/2022\\\/09\\\/Verge-Montserrat-21.jpg&quot;},{&quot;src&quot;:&quot;https:\\\/\\\/www.garciafaura.com\\\/wp-content\\\/uploads\\\/2022\\\/09\\\/Verge-Montserrat-20.jpg&quot;},{&quot;src&quot;:&quot;https:\\\/\\\/www.garciafaura.com\\\/wp-content\\\/uploads\\\/2022\\\/09\\\/Verge-Montserrat-19.jpg&quot;},{&quot;src&quot;:&quot;https:\\\/\\\/www.garciafaura.com\\\/wp-content\\\/uploads\\\/2022\\\/09\\\/Verge-Montserrat-18.jpg&quot;}]\"><img loading=\"lazy\" decoding=\"async\" data-no-lazy=\"1\" class=\"portfolio-entry-img skip-lazy\" src=\"https:\/\/www.garciafaura.com\/wp-content\/uploads\/2022\/09\/Verge-Montserrat-04-600x314.jpg\" alt='' data-no-retina width=\"600\" height=\"314\" \/><\/a><\/div><div class=\"portfolio-entry-details entry-details wpex-clr\"><h2 class=\"portfolio-entry-title entry-title\"><a href=\"https:\/\/www.garciafaura.com\/en\/portfolio-item\/promocio-habitatges-av-montserrat\/\" title=\"Housing development in Barcelona\">Housing development in Barcelona<\/a><\/h2><div class=\"portfolio-entry-categories entry-categories wpex-clr\"><a href=\"https:\/\/www.garciafaura.com\/en\/portfolio-category\/residential-complexes\/\" class=\"term-76\">Residential complexes<\/a><\/div><\/div><\/div><\/div><div class=\"portfolio-entry vcex-grid-item entry-has-details span_1_of_3 col col-3 vcex-isotope-entry vcex-no-margin-entry post-30283 entry type-portfolio has-media cat-89 cat-76 cat-110 translation_priority-15\"><div class=\"portfolio-entry-inner entry-inner wpex-clr\"><div class=\"portfolio-entry-media entry-media wpex-clr\"><a href=\"https:\/\/www.garciafaura.com\/wp-content\/uploads\/2022\/08\/Promocio-Navas-de-Tolosa-39.jpg\" title=\"Promotion Navas de Tolosa\" class=\"portfolio-entry-media-link wpex-lightbox-gallery\" data-gallery=\"[{&quot;src&quot;:&quot;https:\\\/\\\/www.garciafaura.com\\\/wp-content\\\/uploads\\\/2022\\\/08\\\/Promocio-Navas-de-Tolosa-39.jpg&quot;},{&quot;src&quot;:&quot;https:\\\/\\\/www.garciafaura.com\\\/wp-content\\\/uploads\\\/2022\\\/08\\\/Promocio-Navas-de-Tolosa-38.jpg&quot;},{&quot;src&quot;:&quot;https:\\\/\\\/www.garciafaura.com\\\/wp-content\\\/uploads\\\/2022\\\/08\\\/Promocio-Navas-de-Tolosa-37.jpg&quot;},{&quot;src&quot;:&quot;https:\\\/\\\/www.garciafaura.com\\\/wp-content\\\/uploads\\\/2022\\\/08\\\/Promocio-Navas-de-Tolosa-36.jpg&quot;},{&quot;src&quot;:&quot;https:\\\/\\\/www.garciafaura.com\\\/wp-content\\\/uploads\\\/2022\\\/08\\\/Promocio-Navas-de-Tolosa-35.jpg&quot;},{&quot;src&quot;:&quot;https:\\\/\\\/www.garciafaura.com\\\/wp-content\\\/uploads\\\/2022\\\/08\\\/Promocio-Navas-de-Tolosa-34.jpg&quot;},{&quot;src&quot;:&quot;https:\\\/\\\/www.garciafaura.com\\\/wp-content\\\/uploads\\\/2022\\\/08\\\/Promocio-Navas-de-Tolosa-33.jpg&quot;},{&quot;src&quot;:&quot;https:\\\/\\\/www.garciafaura.com\\\/wp-content\\\/uploads\\\/2022\\\/08\\\/Promocio-Navas-de-Tolosa-32.jpg&quot;},{&quot;src&quot;:&quot;https:\\\/\\\/www.garciafaura.com\\\/wp-content\\\/uploads\\\/2022\\\/08\\\/Promocio-Navas-de-Tolosa-31.jpg&quot;},{&quot;src&quot;:&quot;https:\\\/\\\/www.garciafaura.com\\\/wp-content\\\/uploads\\\/2022\\\/08\\\/Promocio-Navas-de-Tolosa-30.jpg&quot;},{&quot;src&quot;:&quot;https:\\\/\\\/www.garciafaura.com\\\/wp-content\\\/uploads\\\/2022\\\/08\\\/Promocio-Navas-de-Tolosa-29.jpg&quot;},{&quot;src&quot;:&quot;https:\\\/\\\/www.garciafaura.com\\\/wp-content\\\/uploads\\\/2022\\\/08\\\/Promocio-Navas-de-Tolosa-28.jpg&quot;},{&quot;src&quot;:&quot;https:\\\/\\\/www.garciafaura.com\\\/wp-content\\\/uploads\\\/2022\\\/08\\\/Promocio-Navas-de-Tolosa-27.jpg&quot;},{&quot;src&quot;:&quot;https:\\\/\\\/www.garciafaura.com\\\/wp-content\\\/uploads\\\/2022\\\/08\\\/Promocio-Navas-de-Tolosa-26.jpg&quot;},{&quot;src&quot;:&quot;https:\\\/\\\/www.garciafaura.com\\\/wp-content\\\/uploads\\\/2022\\\/08\\\/Promocio-Navas-de-Tolosa-25.jpg&quot;},{&quot;src&quot;:&quot;https:\\\/\\\/www.garciafaura.com\\\/wp-content\\\/uploads\\\/2022\\\/08\\\/Promocio-Navas-de-Tolosa-24.jpg&quot;},{&quot;src&quot;:&quot;https:\\\/\\\/www.garciafaura.com\\\/wp-content\\\/uploads\\\/2022\\\/08\\\/Promocio-Navas-de-Tolosa-23.jpg&quot;},{&quot;src&quot;:&quot;https:\\\/\\\/www.garciafaura.com\\\/wp-content\\\/uploads\\\/2022\\\/08\\\/Promocio-Navas-de-Tolosa-22.jpg&quot;},{&quot;src&quot;:&quot;https:\\\/\\\/www.garciafaura.com\\\/wp-content\\\/uploads\\\/2022\\\/08\\\/Promocio-Navas-de-Tolosa-21.jpg&quot;},{&quot;src&quot;:&quot;https:\\\/\\\/www.garciafaura.com\\\/wp-content\\\/uploads\\\/2022\\\/08\\\/Promocio-Navas-de-Tolosa-20.jpg&quot;},{&quot;src&quot;:&quot;https:\\\/\\\/www.garciafaura.com\\\/wp-content\\\/uploads\\\/2022\\\/08\\\/Promocio-Navas-de-Tolosa-19.jpg&quot;},{&quot;src&quot;:&quot;https:\\\/\\\/www.garciafaura.com\\\/wp-content\\\/uploads\\\/2022\\\/08\\\/Promocio-Navas-de-Tolosa-18.jpg&quot;},{&quot;src&quot;:&quot;https:\\\/\\\/www.garciafaura.com\\\/wp-content\\\/uploads\\\/2022\\\/08\\\/Promocio-Navas-de-Tolosa-17.jpg&quot;},{&quot;src&quot;:&quot;https:\\\/\\\/www.garciafaura.com\\\/wp-content\\\/uploads\\\/2022\\\/08\\\/Promocio-Navas-de-Tolosa-16.jpg&quot;},{&quot;src&quot;:&quot;https:\\\/\\\/www.garciafaura.com\\\/wp-content\\\/uploads\\\/2022\\\/08\\\/Promocio-Navas-de-Tolosa-15.jpg&quot;},{&quot;src&quot;:&quot;https:\\\/\\\/www.garciafaura.com\\\/wp-content\\\/uploads\\\/2022\\\/08\\\/Promocio-Navas-de-Tolosa-14.jpg&quot;},{&quot;src&quot;:&quot;https:\\\/\\\/www.garciafaura.com\\\/wp-content\\\/uploads\\\/2022\\\/08\\\/Promocio-Navas-de-Tolosa-13.jpg&quot;},{&quot;src&quot;:&quot;https:\\\/\\\/www.garciafaura.com\\\/wp-content\\\/uploads\\\/2022\\\/08\\\/Promocio-Navas-de-Tolosa-12.jpg&quot;},{&quot;src&quot;:&quot;https:\\\/\\\/www.garciafaura.com\\\/wp-content\\\/uploads\\\/2022\\\/08\\\/Promocio-Navas-de-Tolosa-11.jpg&quot;},{&quot;src&quot;:&quot;https:\\\/\\\/www.garciafaura.com\\\/wp-content\\\/uploads\\\/2022\\\/08\\\/Promocio-Navas-de-Tolosa-10.jpg&quot;},{&quot;src&quot;:&quot;https:\\\/\\\/www.garciafaura.com\\\/wp-content\\\/uploads\\\/2022\\\/08\\\/Promocio-Navas-de-Tolosa-09.jpg&quot;},{&quot;src&quot;:&quot;https:\\\/\\\/www.garciafaura.com\\\/wp-content\\\/uploads\\\/2022\\\/08\\\/Promocio-Navas-de-Tolosa-08.jpg&quot;},{&quot;src&quot;:&quot;https:\\\/\\\/www.garciafaura.com\\\/wp-content\\\/uploads\\\/2022\\\/08\\\/Promocio-Navas-de-Tolosa-07.jpg&quot;},{&quot;src&quot;:&quot;https:\\\/\\\/www.garciafaura.com\\\/wp-content\\\/uploads\\\/2022\\\/08\\\/Promocio-Navas-de-Tolosa-06.jpg&quot;},{&quot;src&quot;:&quot;https:\\\/\\\/www.garciafaura.com\\\/wp-content\\\/uploads\\\/2022\\\/08\\\/Promocio-Navas-de-Tolosa-05.jpg&quot;},{&quot;src&quot;:&quot;https:\\\/\\\/www.garciafaura.com\\\/wp-content\\\/uploads\\\/2022\\\/08\\\/Promocio-Navas-de-Tolosa-04.jpg&quot;},{&quot;src&quot;:&quot;https:\\\/\\\/www.garciafaura.com\\\/wp-content\\\/uploads\\\/2022\\\/08\\\/Promocio-Navas-de-Tolosa-03.jpg&quot;},{&quot;src&quot;:&quot;https:\\\/\\\/www.garciafaura.com\\\/wp-content\\\/uploads\\\/2022\\\/08\\\/Promocio-Navas-de-Tolosa-02.jpg&quot;},{&quot;src&quot;:&quot;https:\\\/\\\/www.garciafaura.com\\\/wp-content\\\/uploads\\\/2022\\\/08\\\/Promocio-Navas-de-Tolosa-01.jpg&quot;}]\"><img loading=\"lazy\" decoding=\"async\" data-no-lazy=\"1\" class=\"portfolio-entry-img skip-lazy\" src=\"https:\/\/www.garciafaura.com\/wp-content\/uploads\/2022\/08\/Promocio-Navas-de-Tolosa-39-600x314.jpg\" alt='' data-no-retina width=\"600\" height=\"314\" \/><\/a><\/div><div class=\"portfolio-entry-details entry-details wpex-clr\"><h2 class=\"portfolio-entry-title entry-title\"><a href=\"https:\/\/www.garciafaura.com\/en\/portfolio-item\/promocio-navas-de-tolosa\/\" title=\"Promotion Navas de Tolosa\">Promotion Navas de Tolosa<\/a><\/h2><div class=\"portfolio-entry-categories entry-categories wpex-clr\"><a href=\"https:\/\/www.garciafaura.com\/en\/portfolio-category\/destacat-renovation\/\" class=\"term-89\">Destacat renovation<\/a><\/div><\/div><\/div><\/div><div class=\"portfolio-entry vcex-grid-item entry-has-details span_1_of_3 col col-1 vcex-isotope-entry vcex-no-margin-entry post-30176 entry type-portfolio has-media cat-76 translation_priority-15\"><div class=\"portfolio-entry-inner entry-inner wpex-clr\"><div class=\"portfolio-entry-media entry-media wpex-clr\"><a href=\"https:\/\/www.garciafaura.com\/wp-content\/uploads\/2022\/06\/Promocio\u0301-Armenteros-Sant-Feliu-01.jpg\" title=\"Armenteres Sant Feliu Promotion\" class=\"portfolio-entry-media-link wpex-lightbox-gallery\" data-gallery=\"[{&quot;src&quot;:&quot;https:\\\/\\\/www.garciafaura.com\\\/wp-content\\\/uploads\\\/2022\\\/06\\\/Promocio\\u0301-Armenteros-Sant-Feliu-01.jpg&quot;},{&quot;src&quot;:&quot;https:\\\/\\\/www.garciafaura.com\\\/wp-content\\\/uploads\\\/2022\\\/06\\\/Promocio\\u0301-Armenteros-Sant-Feliu-02.jpg&quot;},{&quot;src&quot;:&quot;https:\\\/\\\/www.garciafaura.com\\\/wp-content\\\/uploads\\\/2022\\\/06\\\/Promocio\\u0301-Armenteros-Sant-Feliu-03.jpg&quot;},{&quot;src&quot;:&quot;https:\\\/\\\/www.garciafaura.com\\\/wp-content\\\/uploads\\\/2022\\\/06\\\/Promocio\\u0301-Armenteros-Sant-Feliu-04.jpg&quot;},{&quot;src&quot;:&quot;https:\\\/\\\/www.garciafaura.com\\\/wp-content\\\/uploads\\\/2022\\\/06\\\/Promocio\\u0301-Armenteros-Sant-Feliu-05.jpg&quot;},{&quot;src&quot;:&quot;https:\\\/\\\/www.garciafaura.com\\\/wp-content\\\/uploads\\\/2022\\\/06\\\/Promocio\\u0301-Armenteros-Sant-Feliu-06.jpg&quot;},{&quot;src&quot;:&quot;https:\\\/\\\/www.garciafaura.com\\\/wp-content\\\/uploads\\\/2022\\\/06\\\/Promocio\\u0301-Armenteros-Sant-Feliu-07.jpg&quot;},{&quot;src&quot;:&quot;https:\\\/\\\/www.garciafaura.com\\\/wp-content\\\/uploads\\\/2022\\\/06\\\/Promocio\\u0301-Armenteros-Sant-Feliu-08.jpg&quot;},{&quot;src&quot;:&quot;https:\\\/\\\/www.garciafaura.com\\\/wp-content\\\/uploads\\\/2022\\\/06\\\/Promocio\\u0301-Armenteros-Sant-Feliu-09.jpg&quot;},{&quot;src&quot;:&quot;https:\\\/\\\/www.garciafaura.com\\\/wp-content\\\/uploads\\\/2022\\\/06\\\/Promocio\\u0301-Armenteros-Sant-Feliu-10.jpg&quot;},{&quot;src&quot;:&quot;https:\\\/\\\/www.garciafaura.com\\\/wp-content\\\/uploads\\\/2022\\\/06\\\/Promocio\\u0301-Armenteros-Sant-Feliu-11.jpg&quot;},{&quot;src&quot;:&quot;https:\\\/\\\/www.garciafaura.com\\\/wp-content\\\/uploads\\\/2022\\\/06\\\/Promocio\\u0301-Armenteros-Sant-Feliu-12.jpg&quot;},{&quot;src&quot;:&quot;https:\\\/\\\/www.garciafaura.com\\\/wp-content\\\/uploads\\\/2022\\\/06\\\/Promocio\\u0301-Armenteros-Sant-Feliu-13.jpg&quot;},{&quot;src&quot;:&quot;https:\\\/\\\/www.garciafaura.com\\\/wp-content\\\/uploads\\\/2022\\\/06\\\/Promocio\\u0301-Armenteros-Sant-Feliu-14.jpg&quot;},{&quot;src&quot;:&quot;https:\\\/\\\/www.garciafaura.com\\\/wp-content\\\/uploads\\\/2022\\\/06\\\/Promocio\\u0301-Armenteros-Sant-Feliu-15.jpg&quot;},{&quot;src&quot;:&quot;https:\\\/\\\/www.garciafaura.com\\\/wp-content\\\/uploads\\\/2022\\\/06\\\/Promocio\\u0301-Armenteros-Sant-Feliu-16.jpg&quot;},{&quot;src&quot;:&quot;https:\\\/\\\/www.garciafaura.com\\\/wp-content\\\/uploads\\\/2022\\\/06\\\/Promocio\\u0301-Armenteros-Sant-Feliu-17.jpg&quot;},{&quot;src&quot;:&quot;https:\\\/\\\/www.garciafaura.com\\\/wp-content\\\/uploads\\\/2022\\\/06\\\/Promocio\\u0301-Armenteros-Sant-Feliu-18.jpg&quot;},{&quot;src&quot;:&quot;https:\\\/\\\/www.garciafaura.com\\\/wp-content\\\/uploads\\\/2022\\\/06\\\/Promocio\\u0301-Armenteros-Sant-Feliu-19.jpg&quot;},{&quot;src&quot;:&quot;https:\\\/\\\/www.garciafaura.com\\\/wp-content\\\/uploads\\\/2022\\\/06\\\/Promocio\\u0301-Armenteros-Sant-Feliu-20.jpg&quot;},{&quot;src&quot;:&quot;https:\\\/\\\/www.garciafaura.com\\\/wp-content\\\/uploads\\\/2022\\\/06\\\/Promocio\\u0301-Armenteros-Sant-Feliu-21.jpg&quot;},{&quot;src&quot;:&quot;https:\\\/\\\/www.garciafaura.com\\\/wp-content\\\/uploads\\\/2022\\\/06\\\/Promocio\\u0301-Armenteros-Sant-Feliu-22.jpg&quot;},{&quot;src&quot;:&quot;https:\\\/\\\/www.garciafaura.com\\\/wp-content\\\/uploads\\\/2022\\\/06\\\/Promocio\\u0301-Armenteros-Sant-Feliu-23.jpg&quot;}]\"><img loading=\"lazy\" decoding=\"async\" data-no-lazy=\"1\" class=\"portfolio-entry-img skip-lazy\" src=\"https:\/\/www.garciafaura.com\/wp-content\/uploads\/2022\/06\/Promocio\u0301-Armenteros-Sant-Feliu-01-600x314.jpg\" alt='' data-no-retina width=\"600\" height=\"314\" \/><\/a><\/div><div class=\"portfolio-entry-details entry-details wpex-clr\"><h2 class=\"portfolio-entry-title entry-title\"><a href=\"https:\/\/www.garciafaura.com\/en\/portfolio-item\/promocio-armenteres-sant-feliu\/\" title=\"Armenteres Sant Feliu Promotion\">Armenteres Sant Feliu Promotion<\/a><\/h2><div class=\"portfolio-entry-categories entry-categories wpex-clr\"><a href=\"https:\/\/www.garciafaura.com\/en\/portfolio-category\/residential-complexes\/\" class=\"term-76\">Residential complexes<\/a><\/div><\/div><\/div><\/div><div class=\"portfolio-entry vcex-grid-item entry-has-details span_1_of_3 col col-2 vcex-isotope-entry vcex-no-margin-entry post-29665 entry type-portfolio has-media cat-76 translation_priority-15\"><div class=\"portfolio-entry-inner entry-inner wpex-clr\"><div class=\"portfolio-entry-media entry-media wpex-clr\"><a href=\"https:\/\/www.garciafaura.com\/wp-content\/uploads\/2022\/06\/Habitatges-Vilanova-i-la-Geltru-08.jpg\" title=\"Residential Pizan Vilanova i la Geltr\u00fa\" class=\"portfolio-entry-media-link wpex-lightbox-gallery\" data-gallery=\"[{&quot;src&quot;:&quot;https:\\\/\\\/www.garciafaura.com\\\/wp-content\\\/uploads\\\/2022\\\/06\\\/Habitatges-Vilanova-i-la-Geltru-08.jpg&quot;},{&quot;src&quot;:&quot;https:\\\/\\\/www.garciafaura.com\\\/wp-content\\\/uploads\\\/2022\\\/06\\\/Habitatges-Vilanova-i-la-Geltru-01.jpg&quot;},{&quot;src&quot;:&quot;https:\\\/\\\/www.garciafaura.com\\\/wp-content\\\/uploads\\\/2022\\\/06\\\/Habitatges-Vilanova-i-la-Geltru-25.jpg&quot;},{&quot;src&quot;:&quot;https:\\\/\\\/www.garciafaura.com\\\/wp-content\\\/uploads\\\/2022\\\/06\\\/Habitatges-Vilanova-i-la-Geltru-24.jpg&quot;},{&quot;src&quot;:&quot;https:\\\/\\\/www.garciafaura.com\\\/wp-content\\\/uploads\\\/2022\\\/06\\\/Habitatges-Vilanova-i-la-Geltru-23.jpg&quot;},{&quot;src&quot;:&quot;https:\\\/\\\/www.garciafaura.com\\\/wp-content\\\/uploads\\\/2022\\\/06\\\/Habitatges-Vilanova-i-la-Geltru-22.jpg&quot;},{&quot;src&quot;:&quot;https:\\\/\\\/www.garciafaura.com\\\/wp-content\\\/uploads\\\/2022\\\/06\\\/Habitatges-Vilanova-i-la-Geltru-21.jpg&quot;},{&quot;src&quot;:&quot;https:\\\/\\\/www.garciafaura.com\\\/wp-content\\\/uploads\\\/2022\\\/06\\\/Habitatges-Vilanova-i-la-Geltru-20.jpg&quot;},{&quot;src&quot;:&quot;https:\\\/\\\/www.garciafaura.com\\\/wp-content\\\/uploads\\\/2022\\\/06\\\/Habitatges-Vilanova-i-la-Geltru-19.jpg&quot;},{&quot;src&quot;:&quot;https:\\\/\\\/www.garciafaura.com\\\/wp-content\\\/uploads\\\/2022\\\/06\\\/Habitatges-Vilanova-i-la-Geltru-18.jpg&quot;},{&quot;src&quot;:&quot;https:\\\/\\\/www.garciafaura.com\\\/wp-content\\\/uploads\\\/2022\\\/06\\\/Habitatges-Vilanova-i-la-Geltru-17.jpg&quot;},{&quot;src&quot;:&quot;https:\\\/\\\/www.garciafaura.com\\\/wp-content\\\/uploads\\\/2022\\\/06\\\/Habitatges-Vilanova-i-la-Geltru-16.jpg&quot;},{&quot;src&quot;:&quot;https:\\\/\\\/www.garciafaura.com\\\/wp-content\\\/uploads\\\/2022\\\/06\\\/Habitatges-Vilanova-i-la-Geltru-15.jpg&quot;},{&quot;src&quot;:&quot;https:\\\/\\\/www.garciafaura.com\\\/wp-content\\\/uploads\\\/2022\\\/06\\\/Habitatges-Vilanova-i-la-Geltru-14.jpg&quot;},{&quot;src&quot;:&quot;https:\\\/\\\/www.garciafaura.com\\\/wp-content\\\/uploads\\\/2022\\\/06\\\/Habitatges-Vilanova-i-la-Geltru-13.jpg&quot;},{&quot;src&quot;:&quot;https:\\\/\\\/www.garciafaura.com\\\/wp-content\\\/uploads\\\/2022\\\/06\\\/Habitatges-Vilanova-i-la-Geltru-12.jpg&quot;},{&quot;src&quot;:&quot;https:\\\/\\\/www.garciafaura.com\\\/wp-content\\\/uploads\\\/2022\\\/06\\\/Habitatges-Vilanova-i-la-Geltru-11.jpg&quot;},{&quot;src&quot;:&quot;https:\\\/\\\/www.garciafaura.com\\\/wp-content\\\/uploads\\\/2022\\\/06\\\/Habitatges-Vilanova-i-la-Geltru-10.jpg&quot;},{&quot;src&quot;:&quot;https:\\\/\\\/www.garciafaura.com\\\/wp-content\\\/uploads\\\/2022\\\/06\\\/Habitatges-Vilanova-i-la-Geltru-09.jpg&quot;},{&quot;src&quot;:&quot;https:\\\/\\\/www.garciafaura.com\\\/wp-content\\\/uploads\\\/2022\\\/06\\\/Habitatges-Vilanova-i-la-Geltru-07.jpg&quot;},{&quot;src&quot;:&quot;https:\\\/\\\/www.garciafaura.com\\\/wp-content\\\/uploads\\\/2022\\\/06\\\/Habitatges-Vilanova-i-la-Geltru-06.jpg&quot;},{&quot;src&quot;:&quot;https:\\\/\\\/www.garciafaura.com\\\/wp-content\\\/uploads\\\/2022\\\/06\\\/Habitatges-Vilanova-i-la-Geltru-05.jpg&quot;},{&quot;src&quot;:&quot;https:\\\/\\\/www.garciafaura.com\\\/wp-content\\\/uploads\\\/2022\\\/06\\\/Habitatges-Vilanova-i-la-Geltru-04.jpg&quot;},{&quot;src&quot;:&quot;https:\\\/\\\/www.garciafaura.com\\\/wp-content\\\/uploads\\\/2022\\\/06\\\/Habitatges-Vilanova-i-la-Geltru-03.jpg&quot;},{&quot;src&quot;:&quot;https:\\\/\\\/www.garciafaura.com\\\/wp-content\\\/uploads\\\/2022\\\/06\\\/Habitatges-Vilanova-i-la-Geltru-02.jpg&quot;}]\"><img loading=\"lazy\" decoding=\"async\" data-no-lazy=\"1\" class=\"portfolio-entry-img skip-lazy\" src=\"https:\/\/www.garciafaura.com\/wp-content\/uploads\/2022\/06\/Habitatges-Vilanova-i-la-Geltru-08-600x314.jpg\" alt='' data-no-retina width=\"600\" height=\"314\" \/><\/a><\/div><div class=\"portfolio-entry-details entry-details wpex-clr\"><h2 class=\"portfolio-entry-title entry-title\"><a href=\"https:\/\/www.garciafaura.com\/en\/portfolio-item\/residencial-pizan-vilanova-i-la-geltru\/\" title=\"Residential Pizan Vilanova i la Geltr\u00fa\">Residential Pizan Vilanova i la Geltr\u00fa<\/a><\/h2><div class=\"portfolio-entry-categories entry-categories wpex-clr\"><a href=\"https:\/\/www.garciafaura.com\/en\/portfolio-category\/residential-complexes\/\" class=\"term-76\">Residential complexes<\/a><\/div><\/div><\/div><\/div><div class=\"portfolio-entry vcex-grid-item entry-has-details span_1_of_3 col col-3 vcex-isotope-entry vcex-no-margin-entry post-29645 entry type-portfolio has-media cat-76 translation_priority-15\"><div class=\"portfolio-entry-inner entry-inner wpex-clr\"><div class=\"portfolio-entry-media entry-media wpex-clr\"><a href=\"https:\/\/www.garciafaura.com\/wp-content\/uploads\/2022\/06\/Calaf-Glories-24.jpg\" title=\"Gl\u00f2ries promotion\" class=\"portfolio-entry-media-link wpex-lightbox-gallery\" data-gallery=\"[{&quot;src&quot;:&quot;https:\\\/\\\/www.garciafaura.com\\\/wp-content\\\/uploads\\\/2022\\\/06\\\/Calaf-Glories-24.jpg&quot;},{&quot;src&quot;:&quot;https:\\\/\\\/www.garciafaura.com\\\/wp-content\\\/uploads\\\/2022\\\/06\\\/Calaf-Glories-23.jpg&quot;},{&quot;src&quot;:&quot;https:\\\/\\\/www.garciafaura.com\\\/wp-content\\\/uploads\\\/2022\\\/06\\\/Calaf-Glories-22.jpg&quot;},{&quot;src&quot;:&quot;https:\\\/\\\/www.garciafaura.com\\\/wp-content\\\/uploads\\\/2022\\\/06\\\/Calaf-Glories-21.jpg&quot;},{&quot;src&quot;:&quot;https:\\\/\\\/www.garciafaura.com\\\/wp-content\\\/uploads\\\/2022\\\/06\\\/Calaf-Glories-20.jpg&quot;},{&quot;src&quot;:&quot;https:\\\/\\\/www.garciafaura.com\\\/wp-content\\\/uploads\\\/2022\\\/06\\\/Calaf-Glories-19.jpg&quot;},{&quot;src&quot;:&quot;https:\\\/\\\/www.garciafaura.com\\\/wp-content\\\/uploads\\\/2022\\\/06\\\/Calaf-Glories-18.jpg&quot;},{&quot;src&quot;:&quot;https:\\\/\\\/www.garciafaura.com\\\/wp-content\\\/uploads\\\/2022\\\/06\\\/Calaf-Glories-17.jpg&quot;},{&quot;src&quot;:&quot;https:\\\/\\\/www.garciafaura.com\\\/wp-content\\\/uploads\\\/2022\\\/06\\\/Calaf-Glories-16.jpg&quot;},{&quot;src&quot;:&quot;https:\\\/\\\/www.garciafaura.com\\\/wp-content\\\/uploads\\\/2022\\\/06\\\/Calaf-Glories-15.jpg&quot;},{&quot;src&quot;:&quot;https:\\\/\\\/www.garciafaura.com\\\/wp-content\\\/uploads\\\/2022\\\/06\\\/Calaf-Glories-14.jpg&quot;},{&quot;src&quot;:&quot;https:\\\/\\\/www.garciafaura.com\\\/wp-content\\\/uploads\\\/2022\\\/06\\\/Calaf-Glories-13.jpg&quot;},{&quot;src&quot;:&quot;https:\\\/\\\/www.garciafaura.com\\\/wp-content\\\/uploads\\\/2022\\\/06\\\/Calaf-Glories-12.jpg&quot;},{&quot;src&quot;:&quot;https:\\\/\\\/www.garciafaura.com\\\/wp-content\\\/uploads\\\/2022\\\/06\\\/Calaf-Glories-11.jpg&quot;},{&quot;src&quot;:&quot;https:\\\/\\\/www.garciafaura.com\\\/wp-content\\\/uploads\\\/2022\\\/06\\\/Calaf-Glories-10.jpg&quot;},{&quot;src&quot;:&quot;https:\\\/\\\/www.garciafaura.com\\\/wp-content\\\/uploads\\\/2022\\\/06\\\/Calaf-Glories-09.jpg&quot;},{&quot;src&quot;:&quot;https:\\\/\\\/www.garciafaura.com\\\/wp-content\\\/uploads\\\/2022\\\/06\\\/Calaf-Glories-08.jpg&quot;},{&quot;src&quot;:&quot;https:\\\/\\\/www.garciafaura.com\\\/wp-content\\\/uploads\\\/2022\\\/06\\\/Calaf-Glories-07.jpg&quot;},{&quot;src&quot;:&quot;https:\\\/\\\/www.garciafaura.com\\\/wp-content\\\/uploads\\\/2022\\\/06\\\/Calaf-Glories-06.jpg&quot;},{&quot;src&quot;:&quot;https:\\\/\\\/www.garciafaura.com\\\/wp-content\\\/uploads\\\/2022\\\/06\\\/Calaf-Glories-05.jpg&quot;},{&quot;src&quot;:&quot;https:\\\/\\\/www.garciafaura.com\\\/wp-content\\\/uploads\\\/2022\\\/06\\\/Calaf-Glories-04.jpg&quot;},{&quot;src&quot;:&quot;https:\\\/\\\/www.garciafaura.com\\\/wp-content\\\/uploads\\\/2022\\\/06\\\/Calaf-Glories-03.jpg&quot;},{&quot;src&quot;:&quot;https:\\\/\\\/www.garciafaura.com\\\/wp-content\\\/uploads\\\/2022\\\/06\\\/Calaf-Glories-02.jpg&quot;},{&quot;src&quot;:&quot;https:\\\/\\\/www.garciafaura.com\\\/wp-content\\\/uploads\\\/2022\\\/06\\\/Calaf-Glories-01.jpg&quot;}]\"><img loading=\"lazy\" decoding=\"async\" data-no-lazy=\"1\" class=\"portfolio-entry-img skip-lazy\" src=\"https:\/\/www.garciafaura.com\/wp-content\/uploads\/2022\/06\/Calaf-Glories-24-600x314.jpg\" alt='' data-no-retina width=\"600\" height=\"314\" \/><\/a><\/div><div class=\"portfolio-entry-details entry-details wpex-clr\"><h2 class=\"portfolio-entry-title entry-title\"><a href=\"https:\/\/www.garciafaura.com\/en\/portfolio-item\/promocio-glories\/\" title=\"Gl\u00f2ries promotion\">Gl\u00f2ries promotion<\/a><\/h2><div class=\"portfolio-entry-categories entry-categories wpex-clr\"><a href=\"https:\/\/www.garciafaura.com\/en\/portfolio-category\/residential-complexes\/\" class=\"term-76\">Residential complexes<\/a><\/div><\/div><\/div><\/div><div class=\"portfolio-entry vcex-grid-item entry-has-details span_1_of_3 col col-1 vcex-isotope-entry vcex-no-margin-entry post-29173 entry type-portfolio has-media cat-76 translation_priority-15\"><div class=\"portfolio-entry-inner entry-inner wpex-clr\"><div class=\"portfolio-entry-media entry-media wpex-clr\"><a href=\"https:\/\/www.garciafaura.com\/wp-content\/uploads\/2022\/03\/Promocio-carretera-Ribes-05.jpg\" title=\"Carretera Ribes Promotion\" class=\"portfolio-entry-media-link wpex-lightbox-gallery\" data-gallery=\"[{&quot;src&quot;:&quot;https:\\\/\\\/www.garciafaura.com\\\/wp-content\\\/uploads\\\/2022\\\/03\\\/Promocio-carretera-Ribes-04.jpg&quot;},{&quot;src&quot;:&quot;https:\\\/\\\/www.garciafaura.com\\\/wp-content\\\/uploads\\\/2022\\\/03\\\/Promocio-carretera-Ribes-14.jpg&quot;},{&quot;src&quot;:&quot;https:\\\/\\\/www.garciafaura.com\\\/wp-content\\\/uploads\\\/2022\\\/03\\\/Promocio-carretera-Ribes-13.jpg&quot;},{&quot;src&quot;:&quot;https:\\\/\\\/www.garciafaura.com\\\/wp-content\\\/uploads\\\/2022\\\/03\\\/Promocio-carretera-Ribes-12.jpg&quot;},{&quot;src&quot;:&quot;https:\\\/\\\/www.garciafaura.com\\\/wp-content\\\/uploads\\\/2022\\\/03\\\/Promocio-carretera-Ribes-11.jpg&quot;},{&quot;src&quot;:&quot;https:\\\/\\\/www.garciafaura.com\\\/wp-content\\\/uploads\\\/2022\\\/03\\\/Promocio-carretera-Ribes-10.jpg&quot;},{&quot;src&quot;:&quot;https:\\\/\\\/www.garciafaura.com\\\/wp-content\\\/uploads\\\/2022\\\/03\\\/Promocio-carretera-Ribes-09.jpg&quot;},{&quot;src&quot;:&quot;https:\\\/\\\/www.garciafaura.com\\\/wp-content\\\/uploads\\\/2022\\\/03\\\/Promocio-carretera-Ribes-08.jpg&quot;},{&quot;src&quot;:&quot;https:\\\/\\\/www.garciafaura.com\\\/wp-content\\\/uploads\\\/2022\\\/03\\\/Promocio-carretera-Ribes-07.jpg&quot;},{&quot;src&quot;:&quot;https:\\\/\\\/www.garciafaura.com\\\/wp-content\\\/uploads\\\/2022\\\/03\\\/Promocio-carretera-Ribes-06.jpg&quot;},{&quot;src&quot;:&quot;https:\\\/\\\/www.garciafaura.com\\\/wp-content\\\/uploads\\\/2022\\\/03\\\/Promocio-carretera-Ribes-05.jpg&quot;},{&quot;src&quot;:&quot;https:\\\/\\\/www.garciafaura.com\\\/wp-content\\\/uploads\\\/2022\\\/03\\\/Promocio-carretera-Ribes-03.jpg&quot;},{&quot;src&quot;:&quot;https:\\\/\\\/www.garciafaura.com\\\/wp-content\\\/uploads\\\/2022\\\/03\\\/Promocio-carretera-Ribes-02.jpg&quot;},{&quot;src&quot;:&quot;https:\\\/\\\/www.garciafaura.com\\\/wp-content\\\/uploads\\\/2022\\\/03\\\/Promocio-carretera-Ribes-01.jpg&quot;}]\"><img loading=\"lazy\" decoding=\"async\" data-no-lazy=\"1\" class=\"portfolio-entry-img skip-lazy\" src=\"https:\/\/www.garciafaura.com\/wp-content\/uploads\/2022\/03\/Promocio-carretera-Ribes-05-600x314.jpg\" alt='' data-no-retina width=\"600\" height=\"314\" \/><\/a><\/div><div class=\"portfolio-entry-details entry-details wpex-clr\"><h2 class=\"portfolio-entry-title entry-title\"><a href=\"https:\/\/www.garciafaura.com\/en\/portfolio-item\/promocio-carretera-ribes\/\" title=\"Carretera Ribes Promotion\">Carretera Ribes Promotion<\/a><\/h2><div class=\"portfolio-entry-categories entry-categories wpex-clr\"><a href=\"https:\/\/www.garciafaura.com\/en\/portfolio-category\/residential-complexes\/\" class=\"term-76\">Residential complexes<\/a><\/div><\/div><\/div><\/div><div class=\"portfolio-entry vcex-grid-item entry-has-details span_1_of_3 col col-2 vcex-isotope-entry vcex-no-margin-entry post-29008 entry type-portfolio has-media cat-86 cat-76 translation_priority-15\"><div class=\"portfolio-entry-inner entry-inner wpex-clr\"><div class=\"portfolio-entry-media entry-media wpex-clr\"><a href=\"https:\/\/www.garciafaura.com\/wp-content\/uploads\/2022\/02\/Cosme-Toda-31.jpg\" title=\"Cosme Toda promotion\" class=\"portfolio-entry-media-link wpex-lightbox-gallery\" data-gallery=\"[{&quot;src&quot;:&quot;https:\\\/\\\/www.garciafaura.com\\\/wp-content\\\/uploads\\\/2022\\\/02\\\/Cosme-Toda-31.jpg&quot;},{&quot;src&quot;:&quot;https:\\\/\\\/www.garciafaura.com\\\/wp-content\\\/uploads\\\/2022\\\/02\\\/Cosme-Toda-30.jpg&quot;},{&quot;src&quot;:&quot;https:\\\/\\\/www.garciafaura.com\\\/wp-content\\\/uploads\\\/2022\\\/02\\\/Cosme-Toda-29.jpg&quot;},{&quot;src&quot;:&quot;https:\\\/\\\/www.garciafaura.com\\\/wp-content\\\/uploads\\\/2022\\\/02\\\/Cosme-Toda-28.jpg&quot;},{&quot;src&quot;:&quot;https:\\\/\\\/www.garciafaura.com\\\/wp-content\\\/uploads\\\/2022\\\/02\\\/Cosme-Toda-27.jpg&quot;},{&quot;src&quot;:&quot;https:\\\/\\\/www.garciafaura.com\\\/wp-content\\\/uploads\\\/2022\\\/02\\\/Cosme-Toda-26.jpg&quot;},{&quot;src&quot;:&quot;https:\\\/\\\/www.garciafaura.com\\\/wp-content\\\/uploads\\\/2022\\\/02\\\/Cosme-Toda-25.jpg&quot;},{&quot;src&quot;:&quot;https:\\\/\\\/www.garciafaura.com\\\/wp-content\\\/uploads\\\/2022\\\/02\\\/Cosme-Toda-24.jpg&quot;},{&quot;src&quot;:&quot;https:\\\/\\\/www.garciafaura.com\\\/wp-content\\\/uploads\\\/2022\\\/02\\\/Cosme-Toda-23.jpg&quot;},{&quot;src&quot;:&quot;https:\\\/\\\/www.garciafaura.com\\\/wp-content\\\/uploads\\\/2022\\\/02\\\/Cosme-Toda-22.jpg&quot;},{&quot;src&quot;:&quot;https:\\\/\\\/www.garciafaura.com\\\/wp-content\\\/uploads\\\/2022\\\/02\\\/Cosme-Toda-21.jpg&quot;},{&quot;src&quot;:&quot;https:\\\/\\\/www.garciafaura.com\\\/wp-content\\\/uploads\\\/2022\\\/02\\\/Cosme-Toda-20.jpg&quot;},{&quot;src&quot;:&quot;https:\\\/\\\/www.garciafaura.com\\\/wp-content\\\/uploads\\\/2022\\\/02\\\/Cosme-Toda-19.jpg&quot;},{&quot;src&quot;:&quot;https:\\\/\\\/www.garciafaura.com\\\/wp-content\\\/uploads\\\/2022\\\/02\\\/Cosme-Toda-18.jpg&quot;},{&quot;src&quot;:&quot;https:\\\/\\\/www.garciafaura.com\\\/wp-content\\\/uploads\\\/2022\\\/02\\\/Cosme-Toda-17.jpg&quot;},{&quot;src&quot;:&quot;https:\\\/\\\/www.garciafaura.com\\\/wp-content\\\/uploads\\\/2022\\\/02\\\/Cosme-Toda-16.jpg&quot;},{&quot;src&quot;:&quot;https:\\\/\\\/www.garciafaura.com\\\/wp-content\\\/uploads\\\/2022\\\/02\\\/Cosme-Toda-15.jpg&quot;},{&quot;src&quot;:&quot;https:\\\/\\\/www.garciafaura.com\\\/wp-content\\\/uploads\\\/2022\\\/02\\\/Cosme-Toda-14.jpg&quot;},{&quot;src&quot;:&quot;https:\\\/\\\/www.garciafaura.com\\\/wp-content\\\/uploads\\\/2022\\\/02\\\/Cosme-Toda-13.jpg&quot;},{&quot;src&quot;:&quot;https:\\\/\\\/www.garciafaura.com\\\/wp-content\\\/uploads\\\/2022\\\/02\\\/Cosme-Toda-12.jpg&quot;},{&quot;src&quot;:&quot;https:\\\/\\\/www.garciafaura.com\\\/wp-content\\\/uploads\\\/2022\\\/02\\\/Cosme-Toda-11.jpg&quot;},{&quot;src&quot;:&quot;https:\\\/\\\/www.garciafaura.com\\\/wp-content\\\/uploads\\\/2022\\\/02\\\/Cosme-Toda-10.jpg&quot;},{&quot;src&quot;:&quot;https:\\\/\\\/www.garciafaura.com\\\/wp-content\\\/uploads\\\/2022\\\/02\\\/Cosme-Toda-09.jpg&quot;},{&quot;src&quot;:&quot;https:\\\/\\\/www.garciafaura.com\\\/wp-content\\\/uploads\\\/2022\\\/02\\\/Cosme-Toda-08.jpg&quot;},{&quot;src&quot;:&quot;https:\\\/\\\/www.garciafaura.com\\\/wp-content\\\/uploads\\\/2022\\\/02\\\/Cosme-Toda-07.jpg&quot;},{&quot;src&quot;:&quot;https:\\\/\\\/www.garciafaura.com\\\/wp-content\\\/uploads\\\/2022\\\/02\\\/Cosme-Toda-06.jpg&quot;},{&quot;src&quot;:&quot;https:\\\/\\\/www.garciafaura.com\\\/wp-content\\\/uploads\\\/2022\\\/02\\\/Cosme-Toda-05.jpg&quot;},{&quot;src&quot;:&quot;https:\\\/\\\/www.garciafaura.com\\\/wp-content\\\/uploads\\\/2022\\\/02\\\/Cosme-Toda-04.jpg&quot;},{&quot;src&quot;:&quot;https:\\\/\\\/www.garciafaura.com\\\/wp-content\\\/uploads\\\/2022\\\/02\\\/Cosme-Toda-03.jpg&quot;},{&quot;src&quot;:&quot;https:\\\/\\\/www.garciafaura.com\\\/wp-content\\\/uploads\\\/2022\\\/02\\\/Cosme-Toda-02.jpg&quot;},{&quot;src&quot;:&quot;https:\\\/\\\/www.garciafaura.com\\\/wp-content\\\/uploads\\\/2022\\\/02\\\/Cosme-Toda-01.jpg&quot;}]\"><img loading=\"lazy\" decoding=\"async\" data-no-lazy=\"1\" class=\"portfolio-entry-img skip-lazy\" src=\"https:\/\/www.garciafaura.com\/wp-content\/uploads\/2022\/02\/Cosme-Toda-31-600x314.jpg\" alt='' data-no-retina width=\"600\" height=\"314\" \/><\/a><\/div><div class=\"portfolio-entry-details entry-details wpex-clr\"><h2 class=\"portfolio-entry-title entry-title\"><a href=\"https:\/\/www.garciafaura.com\/en\/portfolio-item\/promocio-cosme-toda\/\" title=\"Cosme Toda promotion\">Cosme Toda promotion<\/a><\/h2><div class=\"portfolio-entry-categories entry-categories wpex-clr\"><a href=\"https:\/\/www.garciafaura.com\/en\/portfolio-category\/destacat-residential-complexes\/\" class=\"term-86\">Destacat residential complexes<\/a><\/div><\/div><\/div><\/div><div class=\"portfolio-entry vcex-grid-item entry-has-details span_1_of_3 col col-3 vcex-isotope-entry vcex-no-margin-entry post-28987 entry type-portfolio has-media cat-76 cat-110 translation_priority-15\"><div class=\"portfolio-entry-inner entry-inner wpex-clr\"><div class=\"portfolio-entry-media entry-media wpex-clr\"><a href=\"https:\/\/www.garciafaura.com\/wp-content\/uploads\/2022\/02\/Sant-Roc-Badalona-16.jpg\" title=\"Block T Badalona promotion\" class=\"portfolio-entry-media-link wpex-lightbox-gallery\" data-gallery=\"[{&quot;src&quot;:&quot;https:\\\/\\\/www.garciafaura.com\\\/wp-content\\\/uploads\\\/2022\\\/02\\\/Sant-Roc-Badalona-1.jpg&quot;},{&quot;src&quot;:&quot;https:\\\/\\\/www.garciafaura.com\\\/wp-content\\\/uploads\\\/2022\\\/02\\\/Sant-Roc-Badalona-16.jpg&quot;},{&quot;src&quot;:&quot;https:\\\/\\\/www.garciafaura.com\\\/wp-content\\\/uploads\\\/2022\\\/02\\\/Sant-Roc-Badalona-15.jpg&quot;},{&quot;src&quot;:&quot;https:\\\/\\\/www.garciafaura.com\\\/wp-content\\\/uploads\\\/2022\\\/02\\\/Sant-Roc-Badalona-14.jpg&quot;},{&quot;src&quot;:&quot;https:\\\/\\\/www.garciafaura.com\\\/wp-content\\\/uploads\\\/2022\\\/02\\\/Sant-Roc-Badalona-13.jpg&quot;},{&quot;src&quot;:&quot;https:\\\/\\\/www.garciafaura.com\\\/wp-content\\\/uploads\\\/2022\\\/02\\\/Sant-Roc-Badalona-12.jpg&quot;},{&quot;src&quot;:&quot;https:\\\/\\\/www.garciafaura.com\\\/wp-content\\\/uploads\\\/2022\\\/02\\\/Sant-Roc-Badalona-11.jpg&quot;},{&quot;src&quot;:&quot;https:\\\/\\\/www.garciafaura.com\\\/wp-content\\\/uploads\\\/2022\\\/02\\\/Sant-Roc-Badalona-10.jpg&quot;},{&quot;src&quot;:&quot;https:\\\/\\\/www.garciafaura.com\\\/wp-content\\\/uploads\\\/2022\\\/02\\\/Sant-Roc-Badalona-9.jpg&quot;},{&quot;src&quot;:&quot;https:\\\/\\\/www.garciafaura.com\\\/wp-content\\\/uploads\\\/2022\\\/02\\\/Sant-Roc-Badalona-8.jpg&quot;},{&quot;src&quot;:&quot;https:\\\/\\\/www.garciafaura.com\\\/wp-content\\\/uploads\\\/2022\\\/02\\\/Sant-Roc-Badalona-7.jpg&quot;},{&quot;src&quot;:&quot;https:\\\/\\\/www.garciafaura.com\\\/wp-content\\\/uploads\\\/2022\\\/02\\\/Sant-Roc-Badalona-6.jpg&quot;},{&quot;src&quot;:&quot;https:\\\/\\\/www.garciafaura.com\\\/wp-content\\\/uploads\\\/2022\\\/02\\\/Sant-Roc-Badalona-5.jpg&quot;},{&quot;src&quot;:&quot;https:\\\/\\\/www.garciafaura.com\\\/wp-content\\\/uploads\\\/2022\\\/02\\\/Sant-Roc-Badalona-4.jpg&quot;},{&quot;src&quot;:&quot;https:\\\/\\\/www.garciafaura.com\\\/wp-content\\\/uploads\\\/2022\\\/02\\\/Sant-Roc-Badalona-3.jpg&quot;},{&quot;src&quot;:&quot;https:\\\/\\\/www.garciafaura.com\\\/wp-content\\\/uploads\\\/2022\\\/02\\\/Sant-Roc-Badalona-2.jpg&quot;}]\"><img loading=\"lazy\" decoding=\"async\" data-no-lazy=\"1\" class=\"portfolio-entry-img skip-lazy\" src=\"https:\/\/www.garciafaura.com\/wp-content\/uploads\/2022\/02\/Sant-Roc-Badalona-16-600x314.jpg\" alt='' data-no-retina width=\"600\" height=\"314\" \/><\/a><\/div><div class=\"portfolio-entry-details entry-details wpex-clr\"><h2 class=\"portfolio-entry-title entry-title\"><a href=\"https:\/\/www.garciafaura.com\/en\/portfolio-item\/promocio-bloc-t-badalona\/\" title=\"Block T Badalona promotion\">Block T Badalona promotion<\/a><\/h2><div class=\"portfolio-entry-categories entry-categories wpex-clr\"><a href=\"https:\/\/www.garciafaura.com\/en\/portfolio-category\/residential-complexes\/\" class=\"term-76\">Residential complexes<\/a><\/div><\/div><\/div><\/div><div class=\"portfolio-entry vcex-grid-item entry-has-details span_1_of_3 col col-1 vcex-isotope-entry vcex-no-margin-entry post-28556 entry type-portfolio has-media cat-86 cat-76 translation_priority-15\"><div class=\"portfolio-entry-inner entry-inner wpex-clr\"><div class=\"portfolio-entry-media entry-media wpex-clr\"><a href=\"https:\/\/www.garciafaura.com\/wp-content\/uploads\/2021\/10\/Voramar-Badalona-01.jpg\" title=\"Residential Voramar\" class=\"portfolio-entry-media-link wpex-lightbox-gallery\" data-gallery=\"[{&quot;src&quot;:&quot;https:\\\/\\\/www.garciafaura.com\\\/wp-content\\\/uploads\\\/2021\\\/10\\\/Voramar-Badalona-01.jpg&quot;},{&quot;src&quot;:&quot;https:\\\/\\\/www.garciafaura.com\\\/wp-content\\\/uploads\\\/2021\\\/10\\\/Voramar-Badalona-33.jpg&quot;},{&quot;src&quot;:&quot;https:\\\/\\\/www.garciafaura.com\\\/wp-content\\\/uploads\\\/2021\\\/10\\\/Voramar-Badalona-32.jpg&quot;},{&quot;src&quot;:&quot;https:\\\/\\\/www.garciafaura.com\\\/wp-content\\\/uploads\\\/2021\\\/10\\\/Voramar-Badalona-31.jpg&quot;},{&quot;src&quot;:&quot;https:\\\/\\\/www.garciafaura.com\\\/wp-content\\\/uploads\\\/2021\\\/10\\\/Voramar-Badalona-30.jpg&quot;},{&quot;src&quot;:&quot;https:\\\/\\\/www.garciafaura.com\\\/wp-content\\\/uploads\\\/2021\\\/10\\\/Voramar-Badalona-29.jpg&quot;},{&quot;src&quot;:&quot;https:\\\/\\\/www.garciafaura.com\\\/wp-content\\\/uploads\\\/2021\\\/10\\\/Voramar-Badalona-28.jpg&quot;},{&quot;src&quot;:&quot;https:\\\/\\\/www.garciafaura.com\\\/wp-content\\\/uploads\\\/2021\\\/10\\\/Voramar-Badalona-27.jpg&quot;},{&quot;src&quot;:&quot;https:\\\/\\\/www.garciafaura.com\\\/wp-content\\\/uploads\\\/2021\\\/10\\\/Voramar-Badalona-26.jpg&quot;},{&quot;src&quot;:&quot;https:\\\/\\\/www.garciafaura.com\\\/wp-content\\\/uploads\\\/2021\\\/10\\\/Voramar-Badalona-25.jpg&quot;},{&quot;src&quot;:&quot;https:\\\/\\\/www.garciafaura.com\\\/wp-content\\\/uploads\\\/2021\\\/10\\\/Voramar-Badalona-24.jpg&quot;},{&quot;src&quot;:&quot;https:\\\/\\\/www.garciafaura.com\\\/wp-content\\\/uploads\\\/2021\\\/10\\\/Voramar-Badalona-23.jpg&quot;},{&quot;src&quot;:&quot;https:\\\/\\\/www.garciafaura.com\\\/wp-content\\\/uploads\\\/2021\\\/10\\\/Voramar-Badalona-22.jpg&quot;},{&quot;src&quot;:&quot;https:\\\/\\\/www.garciafaura.com\\\/wp-content\\\/uploads\\\/2021\\\/10\\\/Voramar-Badalona-21.jpg&quot;},{&quot;src&quot;:&quot;https:\\\/\\\/www.garciafaura.com\\\/wp-content\\\/uploads\\\/2021\\\/10\\\/Voramar-Badalona-20.jpg&quot;},{&quot;src&quot;:&quot;https:\\\/\\\/www.garciafaura.com\\\/wp-content\\\/uploads\\\/2021\\\/10\\\/Voramar-Badalona-19.jpg&quot;},{&quot;src&quot;:&quot;https:\\\/\\\/www.garciafaura.com\\\/wp-content\\\/uploads\\\/2021\\\/10\\\/Voramar-Badalona-18.jpg&quot;},{&quot;src&quot;:&quot;https:\\\/\\\/www.garciafaura.com\\\/wp-content\\\/uploads\\\/2021\\\/10\\\/Voramar-Badalona-17.jpg&quot;},{&quot;src&quot;:&quot;https:\\\/\\\/www.garciafaura.com\\\/wp-content\\\/uploads\\\/2021\\\/10\\\/Voramar-Badalona-16.jpg&quot;},{&quot;src&quot;:&quot;https:\\\/\\\/www.garciafaura.com\\\/wp-content\\\/uploads\\\/2021\\\/10\\\/Voramar-Badalona-15.jpg&quot;},{&quot;src&quot;:&quot;https:\\\/\\\/www.garciafaura.com\\\/wp-content\\\/uploads\\\/2021\\\/10\\\/Voramar-Badalona-14.jpg&quot;},{&quot;src&quot;:&quot;https:\\\/\\\/www.garciafaura.com\\\/wp-content\\\/uploads\\\/2021\\\/10\\\/Voramar-Badalona-13.jpg&quot;},{&quot;src&quot;:&quot;https:\\\/\\\/www.garciafaura.com\\\/wp-content\\\/uploads\\\/2021\\\/10\\\/Voramar-Badalona-12.jpg&quot;},{&quot;src&quot;:&quot;https:\\\/\\\/www.garciafaura.com\\\/wp-content\\\/uploads\\\/2021\\\/10\\\/Voramar-Badalona-11.jpg&quot;},{&quot;src&quot;:&quot;https:\\\/\\\/www.garciafaura.com\\\/wp-content\\\/uploads\\\/2021\\\/10\\\/Voramar-Badalona-10.jpg&quot;},{&quot;src&quot;:&quot;https:\\\/\\\/www.garciafaura.com\\\/wp-content\\\/uploads\\\/2021\\\/10\\\/Voramar-Badalona-09.jpg&quot;},{&quot;src&quot;:&quot;https:\\\/\\\/www.garciafaura.com\\\/wp-content\\\/uploads\\\/2021\\\/10\\\/Voramar-Badalona-08.jpg&quot;},{&quot;src&quot;:&quot;https:\\\/\\\/www.garciafaura.com\\\/wp-content\\\/uploads\\\/2021\\\/10\\\/Voramar-Badalona-07.jpg&quot;},{&quot;src&quot;:&quot;https:\\\/\\\/www.garciafaura.com\\\/wp-content\\\/uploads\\\/2021\\\/10\\\/Voramar-Badalona-06.jpg&quot;},{&quot;src&quot;:&quot;https:\\\/\\\/www.garciafaura.com\\\/wp-content\\\/uploads\\\/2021\\\/10\\\/Voramar-Badalona-05.jpg&quot;},{&quot;src&quot;:&quot;https:\\\/\\\/www.garciafaura.com\\\/wp-content\\\/uploads\\\/2021\\\/10\\\/Voramar-Badalona-04.jpg&quot;},{&quot;src&quot;:&quot;https:\\\/\\\/www.garciafaura.com\\\/wp-content\\\/uploads\\\/2021\\\/10\\\/Voramar-Badalona-03.jpg&quot;},{&quot;src&quot;:&quot;https:\\\/\\\/www.garciafaura.com\\\/wp-content\\\/uploads\\\/2021\\\/10\\\/Voramar-Badalona-02.jpg&quot;}]\"><img loading=\"lazy\" decoding=\"async\" data-no-lazy=\"1\" class=\"portfolio-entry-img skip-lazy\" src=\"https:\/\/www.garciafaura.com\/wp-content\/uploads\/2021\/10\/Voramar-Badalona-01-600x314.jpg\" alt='' data-no-retina width=\"600\" height=\"314\" \/><\/a><\/div><div class=\"portfolio-entry-details entry-details wpex-clr\"><h2 class=\"portfolio-entry-title entry-title\"><a href=\"https:\/\/www.garciafaura.com\/en\/portfolio-item\/residencial-voramar\/\" title=\"Residential Voramar\">Residential Voramar<\/a><\/h2><div class=\"portfolio-entry-categories entry-categories wpex-clr\"><a href=\"https:\/\/www.garciafaura.com\/en\/portfolio-category\/destacat-residential-complexes\/\" class=\"term-86\">Destacat residential complexes<\/a><\/div><\/div><\/div><\/div><div class=\"portfolio-entry vcex-grid-item entry-has-details span_1_of_3 col col-2 vcex-isotope-entry vcex-no-margin-entry post-28517 entry type-portfolio has-media cat-85 cat-86 cat-84 cat-76 translation_priority-15\"><div class=\"portfolio-entry-inner entry-inner wpex-clr\"><div class=\"portfolio-entry-media entry-media wpex-clr\"><a href=\"https:\/\/www.garciafaura.com\/wp-content\/uploads\/2021\/10\/Tembo-suites-Barcelona-51.jpg\" title=\"Tembo Suites Apartments\" class=\"portfolio-entry-media-link wpex-lightbox-gallery\" data-gallery=\"[{&quot;src&quot;:&quot;https:\\\/\\\/www.garciafaura.com\\\/wp-content\\\/uploads\\\/2021\\\/10\\\/Tembo-suites-Barcelona-51.jpg&quot;},{&quot;src&quot;:&quot;https:\\\/\\\/www.garciafaura.com\\\/wp-content\\\/uploads\\\/2021\\\/10\\\/Tembo-suites-Barcelona-50.jpg&quot;},{&quot;src&quot;:&quot;https:\\\/\\\/www.garciafaura.com\\\/wp-content\\\/uploads\\\/2021\\\/10\\\/Tembo-suites-Barcelona-49.jpg&quot;},{&quot;src&quot;:&quot;https:\\\/\\\/www.garciafaura.com\\\/wp-content\\\/uploads\\\/2021\\\/10\\\/Tembo-suites-Barcelona-48.jpg&quot;},{&quot;src&quot;:&quot;https:\\\/\\\/www.garciafaura.com\\\/wp-content\\\/uploads\\\/2021\\\/10\\\/Tembo-suites-Barcelona-47.jpg&quot;},{&quot;src&quot;:&quot;https:\\\/\\\/www.garciafaura.com\\\/wp-content\\\/uploads\\\/2021\\\/10\\\/Tembo-suites-Barcelona-46.jpg&quot;},{&quot;src&quot;:&quot;https:\\\/\\\/www.garciafaura.com\\\/wp-content\\\/uploads\\\/2021\\\/10\\\/Tembo-suites-Barcelona-45.jpg&quot;},{&quot;src&quot;:&quot;https:\\\/\\\/www.garciafaura.com\\\/wp-content\\\/uploads\\\/2021\\\/10\\\/Tembo-suites-Barcelona-44.jpg&quot;},{&quot;src&quot;:&quot;https:\\\/\\\/www.garciafaura.com\\\/wp-content\\\/uploads\\\/2021\\\/10\\\/Tembo-suites-Barcelona-43.jpg&quot;},{&quot;src&quot;:&quot;https:\\\/\\\/www.garciafaura.com\\\/wp-content\\\/uploads\\\/2021\\\/10\\\/Tembo-suites-Barcelona-42.jpg&quot;},{&quot;src&quot;:&quot;https:\\\/\\\/www.garciafaura.com\\\/wp-content\\\/uploads\\\/2021\\\/10\\\/Tembo-suites-Barcelona-41.jpg&quot;},{&quot;src&quot;:&quot;https:\\\/\\\/www.garciafaura.com\\\/wp-content\\\/uploads\\\/2021\\\/10\\\/Tembo-suites-Barcelona-40.jpg&quot;},{&quot;src&quot;:&quot;https:\\\/\\\/www.garciafaura.com\\\/wp-content\\\/uploads\\\/2021\\\/10\\\/Tembo-suites-Barcelona-39.jpg&quot;},{&quot;src&quot;:&quot;https:\\\/\\\/www.garciafaura.com\\\/wp-content\\\/uploads\\\/2021\\\/10\\\/Tembo-suites-Barcelona-38.jpg&quot;},{&quot;src&quot;:&quot;https:\\\/\\\/www.garciafaura.com\\\/wp-content\\\/uploads\\\/2021\\\/10\\\/Tembo-suites-Barcelona-37.jpg&quot;},{&quot;src&quot;:&quot;https:\\\/\\\/www.garciafaura.com\\\/wp-content\\\/uploads\\\/2021\\\/10\\\/Tembo-suites-Barcelona-36.jpg&quot;},{&quot;src&quot;:&quot;https:\\\/\\\/www.garciafaura.com\\\/wp-content\\\/uploads\\\/2021\\\/10\\\/Tembo-suites-Barcelona-35.jpg&quot;},{&quot;src&quot;:&quot;https:\\\/\\\/www.garciafaura.com\\\/wp-content\\\/uploads\\\/2021\\\/10\\\/Tembo-suites-Barcelona-34.jpg&quot;},{&quot;src&quot;:&quot;https:\\\/\\\/www.garciafaura.com\\\/wp-content\\\/uploads\\\/2021\\\/10\\\/Tembo-suites-Barcelona-33.jpg&quot;},{&quot;src&quot;:&quot;https:\\\/\\\/www.garciafaura.com\\\/wp-content\\\/uploads\\\/2021\\\/10\\\/Tembo-suites-Barcelona-32.jpg&quot;},{&quot;src&quot;:&quot;https:\\\/\\\/www.garciafaura.com\\\/wp-content\\\/uploads\\\/2021\\\/10\\\/Tembo-suites-Barcelona-31.jpg&quot;},{&quot;src&quot;:&quot;https:\\\/\\\/www.garciafaura.com\\\/wp-content\\\/uploads\\\/2021\\\/10\\\/Tembo-suites-Barcelona-30.jpg&quot;},{&quot;src&quot;:&quot;https:\\\/\\\/www.garciafaura.com\\\/wp-content\\\/uploads\\\/2021\\\/10\\\/Tembo-suites-Barcelona-29.jpg&quot;},{&quot;src&quot;:&quot;https:\\\/\\\/www.garciafaura.com\\\/wp-content\\\/uploads\\\/2021\\\/10\\\/Tembo-suites-Barcelona-28.jpg&quot;},{&quot;src&quot;:&quot;https:\\\/\\\/www.garciafaura.com\\\/wp-content\\\/uploads\\\/2021\\\/10\\\/Tembo-suites-Barcelona-27.jpg&quot;},{&quot;src&quot;:&quot;https:\\\/\\\/www.garciafaura.com\\\/wp-content\\\/uploads\\\/2021\\\/10\\\/Tembo-suites-Barcelona-26.jpg&quot;},{&quot;src&quot;:&quot;https:\\\/\\\/www.garciafaura.com\\\/wp-content\\\/uploads\\\/2021\\\/10\\\/Tembo-suites-Barcelona-25.jpg&quot;},{&quot;src&quot;:&quot;https:\\\/\\\/www.garciafaura.com\\\/wp-content\\\/uploads\\\/2021\\\/10\\\/Tembo-suites-Barcelona-24.jpg&quot;},{&quot;src&quot;:&quot;https:\\\/\\\/www.garciafaura.com\\\/wp-content\\\/uploads\\\/2021\\\/10\\\/Tembo-suites-Barcelona-23.jpg&quot;},{&quot;src&quot;:&quot;https:\\\/\\\/www.garciafaura.com\\\/wp-content\\\/uploads\\\/2021\\\/10\\\/Tembo-suites-Barcelona-22.jpg&quot;},{&quot;src&quot;:&quot;https:\\\/\\\/www.garciafaura.com\\\/wp-content\\\/uploads\\\/2021\\\/10\\\/Tembo-suites-Barcelona-21.jpg&quot;},{&quot;src&quot;:&quot;https:\\\/\\\/www.garciafaura.com\\\/wp-content\\\/uploads\\\/2021\\\/10\\\/Tembo-suites-Barcelona-20.jpg&quot;},{&quot;src&quot;:&quot;https:\\\/\\\/www.garciafaura.com\\\/wp-content\\\/uploads\\\/2021\\\/10\\\/Tembo-suites-Barcelona-19.jpg&quot;},{&quot;src&quot;:&quot;https:\\\/\\\/www.garciafaura.com\\\/wp-content\\\/uploads\\\/2021\\\/10\\\/Tembo-suites-Barcelona-18.jpg&quot;},{&quot;src&quot;:&quot;https:\\\/\\\/www.garciafaura.com\\\/wp-content\\\/uploads\\\/2021\\\/10\\\/Tembo-suites-Barcelona-17.jpg&quot;},{&quot;src&quot;:&quot;https:\\\/\\\/www.garciafaura.com\\\/wp-content\\\/uploads\\\/2021\\\/10\\\/Tembo-suites-Barcelona-16.jpg&quot;},{&quot;src&quot;:&quot;https:\\\/\\\/www.garciafaura.com\\\/wp-content\\\/uploads\\\/2021\\\/10\\\/Tembo-suites-Barcelona-15.jpg&quot;},{&quot;src&quot;:&quot;https:\\\/\\\/www.garciafaura.com\\\/wp-content\\\/uploads\\\/2021\\\/10\\\/Tembo-suites-Barcelona-14.jpg&quot;},{&quot;src&quot;:&quot;https:\\\/\\\/www.garciafaura.com\\\/wp-content\\\/uploads\\\/2021\\\/10\\\/Tembo-suites-Barcelona-13.jpg&quot;},{&quot;src&quot;:&quot;https:\\\/\\\/www.garciafaura.com\\\/wp-content\\\/uploads\\\/2021\\\/10\\\/Tembo-suites-Barcelona-12.jpg&quot;},{&quot;src&quot;:&quot;https:\\\/\\\/www.garciafaura.com\\\/wp-content\\\/uploads\\\/2021\\\/10\\\/Tembo-suites-Barcelona-11.jpg&quot;},{&quot;src&quot;:&quot;https:\\\/\\\/www.garciafaura.com\\\/wp-content\\\/uploads\\\/2021\\\/10\\\/Tembo-suites-Barcelona-10.jpg&quot;},{&quot;src&quot;:&quot;https:\\\/\\\/www.garciafaura.com\\\/wp-content\\\/uploads\\\/2021\\\/10\\\/Tembo-suites-Barcelona-09.jpg&quot;},{&quot;src&quot;:&quot;https:\\\/\\\/www.garciafaura.com\\\/wp-content\\\/uploads\\\/2021\\\/10\\\/Tembo-suites-Barcelona-08.jpg&quot;},{&quot;src&quot;:&quot;https:\\\/\\\/www.garciafaura.com\\\/wp-content\\\/uploads\\\/2021\\\/10\\\/Tembo-suites-Barcelona-07.jpg&quot;},{&quot;src&quot;:&quot;https:\\\/\\\/www.garciafaura.com\\\/wp-content\\\/uploads\\\/2021\\\/10\\\/Tembo-suites-Barcelona-06.jpg&quot;},{&quot;src&quot;:&quot;https:\\\/\\\/www.garciafaura.com\\\/wp-content\\\/uploads\\\/2021\\\/10\\\/Tembo-suites-Barcelona-05.jpg&quot;},{&quot;src&quot;:&quot;https:\\\/\\\/www.garciafaura.com\\\/wp-content\\\/uploads\\\/2021\\\/10\\\/Tembo-suites-Barcelona-04.jpg&quot;},{&quot;src&quot;:&quot;https:\\\/\\\/www.garciafaura.com\\\/wp-content\\\/uploads\\\/2021\\\/10\\\/Tembo-suites-Barcelona-03.jpg&quot;},{&quot;src&quot;:&quot;https:\\\/\\\/www.garciafaura.com\\\/wp-content\\\/uploads\\\/2021\\\/10\\\/Tembo-suites-Barcelona-02.jpg&quot;},{&quot;src&quot;:&quot;https:\\\/\\\/www.garciafaura.com\\\/wp-content\\\/uploads\\\/2021\\\/10\\\/Tembo-suites-Barcelona-01.jpg&quot;}]\"><img loading=\"lazy\" decoding=\"async\" data-no-lazy=\"1\" class=\"portfolio-entry-img skip-lazy\" src=\"https:\/\/www.garciafaura.com\/wp-content\/uploads\/2021\/10\/Tembo-suites-Barcelona-51-600x314.jpg\" alt='' data-no-retina width=\"600\" height=\"314\" \/><\/a><\/div><div class=\"portfolio-entry-details entry-details wpex-clr\"><h2 class=\"portfolio-entry-title entry-title\"><a href=\"https:\/\/www.garciafaura.com\/en\/portfolio-item\/apartaments-tembo-suites\/\" title=\"Tembo Suites Apartments\">Tembo Suites Apartments<\/a><\/h2><div class=\"portfolio-entry-categories entry-categories wpex-clr\"><a href=\"https:\/\/www.garciafaura.com\/en\/portfolio-category\/destacat-hotels\/\" class=\"term-85\">Destacat Hotels<\/a><\/div><\/div><\/div><\/div><div class=\"portfolio-entry vcex-grid-item entry-has-details span_1_of_3 col col-3 vcex-isotope-entry vcex-no-margin-entry post-28476 entry type-portfolio has-media cat-86 cat-81 cat-76 cat-74 translation_priority-15\"><div class=\"portfolio-entry-inner entry-inner wpex-clr\"><div class=\"portfolio-entry-media entry-media wpex-clr\"><a href=\"https:\/\/www.garciafaura.com\/wp-content\/uploads\/2021\/10\/Residencia-Valeo-13.jpg\" title=\"Student residence Valeo 22@\" class=\"portfolio-entry-media-link wpex-lightbox-gallery\" data-gallery=\"[{&quot;src&quot;:&quot;https:\\\/\\\/www.garciafaura.com\\\/wp-content\\\/uploads\\\/2021\\\/10\\\/Residencia-Valeo-1.jpg&quot;},{&quot;src&quot;:&quot;https:\\\/\\\/www.garciafaura.com\\\/wp-content\\\/uploads\\\/2021\\\/10\\\/Residencia-Valeo-19.jpg&quot;},{&quot;src&quot;:&quot;https:\\\/\\\/www.garciafaura.com\\\/wp-content\\\/uploads\\\/2021\\\/10\\\/Residencia-Valeo-18.jpg&quot;},{&quot;src&quot;:&quot;https:\\\/\\\/www.garciafaura.com\\\/wp-content\\\/uploads\\\/2021\\\/10\\\/Residencia-Valeo-17.jpg&quot;},{&quot;src&quot;:&quot;https:\\\/\\\/www.garciafaura.com\\\/wp-content\\\/uploads\\\/2021\\\/10\\\/Residencia-Valeo-16.jpg&quot;},{&quot;src&quot;:&quot;https:\\\/\\\/www.garciafaura.com\\\/wp-content\\\/uploads\\\/2021\\\/10\\\/Residencia-Valeo-15.jpg&quot;},{&quot;src&quot;:&quot;https:\\\/\\\/www.garciafaura.com\\\/wp-content\\\/uploads\\\/2021\\\/10\\\/Residencia-Valeo-14.jpg&quot;},{&quot;src&quot;:&quot;https:\\\/\\\/www.garciafaura.com\\\/wp-content\\\/uploads\\\/2021\\\/10\\\/Residencia-Valeo-13.jpg&quot;},{&quot;src&quot;:&quot;https:\\\/\\\/www.garciafaura.com\\\/wp-content\\\/uploads\\\/2021\\\/10\\\/Residencia-Valeo-12.jpg&quot;},{&quot;src&quot;:&quot;https:\\\/\\\/www.garciafaura.com\\\/wp-content\\\/uploads\\\/2021\\\/10\\\/Residencia-Valeo-11.jpg&quot;},{&quot;src&quot;:&quot;https:\\\/\\\/www.garciafaura.com\\\/wp-content\\\/uploads\\\/2021\\\/10\\\/Residencia-Valeo-10.jpg&quot;},{&quot;src&quot;:&quot;https:\\\/\\\/www.garciafaura.com\\\/wp-content\\\/uploads\\\/2021\\\/10\\\/Residencia-Valeo-9.jpg&quot;},{&quot;src&quot;:&quot;https:\\\/\\\/www.garciafaura.com\\\/wp-content\\\/uploads\\\/2021\\\/10\\\/Residencia-Valeo-8.jpg&quot;},{&quot;src&quot;:&quot;https:\\\/\\\/www.garciafaura.com\\\/wp-content\\\/uploads\\\/2021\\\/10\\\/Residencia-Valeo-7.jpg&quot;},{&quot;src&quot;:&quot;https:\\\/\\\/www.garciafaura.com\\\/wp-content\\\/uploads\\\/2021\\\/10\\\/Residencia-Valeo-6.jpg&quot;},{&quot;src&quot;:&quot;https:\\\/\\\/www.garciafaura.com\\\/wp-content\\\/uploads\\\/2021\\\/10\\\/Residencia-Valeo-5.jpg&quot;},{&quot;src&quot;:&quot;https:\\\/\\\/www.garciafaura.com\\\/wp-content\\\/uploads\\\/2021\\\/10\\\/Residencia-Valeo-4.jpg&quot;},{&quot;src&quot;:&quot;https:\\\/\\\/www.garciafaura.com\\\/wp-content\\\/uploads\\\/2021\\\/10\\\/Residencia-Valeo-3.jpg&quot;},{&quot;src&quot;:&quot;https:\\\/\\\/www.garciafaura.com\\\/wp-content\\\/uploads\\\/2021\\\/10\\\/Residencia-Valeo-2.jpg&quot;}]\"><img loading=\"lazy\" decoding=\"async\" data-no-lazy=\"1\" class=\"portfolio-entry-img skip-lazy\" src=\"https:\/\/www.garciafaura.com\/wp-content\/uploads\/2021\/10\/Residencia-Valeo-13-600x314.jpg\" alt='' data-no-retina width=\"600\" height=\"314\" \/><\/a><\/div><div class=\"portfolio-entry-details entry-details wpex-clr\"><h2 class=\"portfolio-entry-title entry-title\"><a href=\"https:\/\/www.garciafaura.com\/en\/portfolio-item\/residencia-destudiants-valeo-22\/\" title=\"Student residence Valeo 22@\">Student residence Valeo 22@<\/a><\/h2><div class=\"portfolio-entry-categories entry-categories wpex-clr\"><a href=\"https:\/\/www.garciafaura.com\/en\/portfolio-category\/services-buildings\/\" class=\"term-74\">Services buildings<\/a><\/div><\/div><\/div><\/div><div class=\"portfolio-entry vcex-grid-item entry-has-details span_1_of_3 col col-1 vcex-isotope-entry vcex-no-margin-entry post-28437 entry type-portfolio has-media cat-76 translation_priority-15\"><div class=\"portfolio-entry-inner entry-inner wpex-clr\"><div class=\"portfolio-entry-media entry-media wpex-clr\"><a href=\"https:\/\/www.garciafaura.com\/wp-content\/uploads\/2021\/10\/Alocs-Mataro\u0301-17.jpg\" title=\"Alocs Matar\u00f3 Promotion\" class=\"portfolio-entry-media-link wpex-lightbox-gallery\" data-gallery=\"[{&quot;src&quot;:&quot;https:\\\/\\\/www.garciafaura.com\\\/wp-content\\\/uploads\\\/2021\\\/10\\\/Alocs-Mataro\\u0301-30.jpg&quot;,&quot;title&quot;:&quot;Alocs Matar\\u00f3 Garcia Faura&quot;},{&quot;src&quot;:&quot;https:\\\/\\\/www.garciafaura.com\\\/wp-content\\\/uploads\\\/2021\\\/10\\\/Alocs-Mataro\\u0301-29.jpg&quot;,&quot;title&quot;:&quot;Alocs Matar\\u00f3 Garcia Faura&quot;},{&quot;src&quot;:&quot;https:\\\/\\\/www.garciafaura.com\\\/wp-content\\\/uploads\\\/2021\\\/10\\\/Alocs-Mataro\\u0301-28.jpg&quot;,&quot;title&quot;:&quot;Alocs Matar\\u00f3 Garcia Faura&quot;},{&quot;src&quot;:&quot;https:\\\/\\\/www.garciafaura.com\\\/wp-content\\\/uploads\\\/2021\\\/10\\\/Alocs-Mataro\\u0301-27.jpg&quot;,&quot;title&quot;:&quot;Alocs Matar\\u00f3 Garcia Faura&quot;},{&quot;src&quot;:&quot;https:\\\/\\\/www.garciafaura.com\\\/wp-content\\\/uploads\\\/2021\\\/10\\\/Alocs-Mataro\\u0301-26.jpg&quot;,&quot;title&quot;:&quot;Alocs Matar\\u00f3 Garcia Faura&quot;},{&quot;src&quot;:&quot;https:\\\/\\\/www.garciafaura.com\\\/wp-content\\\/uploads\\\/2021\\\/10\\\/Alocs-Mataro\\u0301-25.jpg&quot;,&quot;title&quot;:&quot;Alocs Matar\\u00f3 Garcia Faura&quot;},{&quot;src&quot;:&quot;https:\\\/\\\/www.garciafaura.com\\\/wp-content\\\/uploads\\\/2021\\\/10\\\/Alocs-Mataro\\u0301-24.jpg&quot;,&quot;title&quot;:&quot;Alocs Matar\\u00f3 Garcia Faura&quot;},{&quot;src&quot;:&quot;https:\\\/\\\/www.garciafaura.com\\\/wp-content\\\/uploads\\\/2021\\\/10\\\/Alocs-Mataro\\u0301-23.jpg&quot;,&quot;title&quot;:&quot;Alocs Matar\\u00f3 Garcia Faura&quot;},{&quot;src&quot;:&quot;https:\\\/\\\/www.garciafaura.com\\\/wp-content\\\/uploads\\\/2021\\\/10\\\/Alocs-Mataro\\u0301-22.jpg&quot;,&quot;title&quot;:&quot;Alocs Matar\\u00f3 Garcia Faura&quot;},{&quot;src&quot;:&quot;https:\\\/\\\/www.garciafaura.com\\\/wp-content\\\/uploads\\\/2021\\\/10\\\/Alocs-Mataro\\u0301-21.jpg&quot;,&quot;title&quot;:&quot;Alocs Matar\\u00f3 Garcia Faura&quot;},{&quot;src&quot;:&quot;https:\\\/\\\/www.garciafaura.com\\\/wp-content\\\/uploads\\\/2021\\\/10\\\/Alocs-Mataro\\u0301-20.jpg&quot;,&quot;title&quot;:&quot;Alocs Matar\\u00f3 Garcia Faura&quot;},{&quot;src&quot;:&quot;https:\\\/\\\/www.garciafaura.com\\\/wp-content\\\/uploads\\\/2021\\\/10\\\/Alocs-Mataro\\u0301-19.jpg&quot;,&quot;title&quot;:&quot;Alocs Matar\\u00f3 Garcia Faura&quot;},{&quot;src&quot;:&quot;https:\\\/\\\/www.garciafaura.com\\\/wp-content\\\/uploads\\\/2021\\\/10\\\/Alocs-Mataro\\u0301-18.jpg&quot;,&quot;title&quot;:&quot;Alocs Matar\\u00f3 Garcia Faura&quot;},{&quot;src&quot;:&quot;https:\\\/\\\/www.garciafaura.com\\\/wp-content\\\/uploads\\\/2021\\\/10\\\/Alocs-Mataro\\u0301-17.jpg&quot;,&quot;title&quot;:&quot;Alocs Matar\\u00f3 Garcia Faura&quot;},{&quot;src&quot;:&quot;https:\\\/\\\/www.garciafaura.com\\\/wp-content\\\/uploads\\\/2021\\\/10\\\/Alocs-Mataro\\u0301-16.jpg&quot;,&quot;title&quot;:&quot;Alocs Matar\\u00f3 Garcia Faura&quot;},{&quot;src&quot;:&quot;https:\\\/\\\/www.garciafaura.com\\\/wp-content\\\/uploads\\\/2021\\\/10\\\/Alocs-Mataro\\u0301-15.jpg&quot;,&quot;title&quot;:&quot;Alocs Matar\\u00f3 Garcia Faura&quot;},{&quot;src&quot;:&quot;https:\\\/\\\/www.garciafaura.com\\\/wp-content\\\/uploads\\\/2021\\\/10\\\/Alocs-Mataro\\u0301-14.jpg&quot;,&quot;title&quot;:&quot;Alocs Matar\\u00f3 Garcia Faura&quot;},{&quot;src&quot;:&quot;https:\\\/\\\/www.garciafaura.com\\\/wp-content\\\/uploads\\\/2021\\\/10\\\/Alocs-Mataro\\u0301-13.jpg&quot;,&quot;title&quot;:&quot;Alocs Matar\\u00f3 Garcia Faura&quot;},{&quot;src&quot;:&quot;https:\\\/\\\/www.garciafaura.com\\\/wp-content\\\/uploads\\\/2021\\\/10\\\/Alocs-Mataro\\u0301-12.jpg&quot;,&quot;title&quot;:&quot;Alocs Matar\\u00f3 Garcia Faura&quot;},{&quot;src&quot;:&quot;https:\\\/\\\/www.garciafaura.com\\\/wp-content\\\/uploads\\\/2021\\\/10\\\/Alocs-Mataro\\u0301-11.jpg&quot;,&quot;title&quot;:&quot;Alocs Matar\\u00f3 Garcia Faura&quot;},{&quot;src&quot;:&quot;https:\\\/\\\/www.garciafaura.com\\\/wp-content\\\/uploads\\\/2021\\\/10\\\/Alocs-Mataro\\u0301-10.jpg&quot;,&quot;title&quot;:&quot;Alocs Matar\\u00f3 Garcia Faura&quot;},{&quot;src&quot;:&quot;https:\\\/\\\/www.garciafaura.com\\\/wp-content\\\/uploads\\\/2021\\\/10\\\/Alocs-Mataro\\u0301-09.jpg&quot;,&quot;title&quot;:&quot;Alocs Matar\\u00f3 Garcia Faura&quot;},{&quot;src&quot;:&quot;https:\\\/\\\/www.garciafaura.com\\\/wp-content\\\/uploads\\\/2021\\\/10\\\/Alocs-Mataro\\u0301-08.jpg&quot;,&quot;title&quot;:&quot;Alocs Matar\\u00f3 Garcia Faura&quot;},{&quot;src&quot;:&quot;https:\\\/\\\/www.garciafaura.com\\\/wp-content\\\/uploads\\\/2021\\\/10\\\/Alocs-Mataro\\u0301-07.jpg&quot;,&quot;title&quot;:&quot;Alocs Matar\\u00f3 Garcia Faura&quot;},{&quot;src&quot;:&quot;https:\\\/\\\/www.garciafaura.com\\\/wp-content\\\/uploads\\\/2021\\\/10\\\/Alocs-Mataro\\u0301-06.jpg&quot;,&quot;title&quot;:&quot;Alocs Matar\\u00f3 Garcia Faura&quot;},{&quot;src&quot;:&quot;https:\\\/\\\/www.garciafaura.com\\\/wp-content\\\/uploads\\\/2021\\\/10\\\/Alocs-Mataro\\u0301-05.jpg&quot;,&quot;title&quot;:&quot;Alocs Matar\\u00f3 Garcia Faura&quot;},{&quot;src&quot;:&quot;https:\\\/\\\/www.garciafaura.com\\\/wp-content\\\/uploads\\\/2021\\\/10\\\/Alocs-Mataro\\u0301-04.jpg&quot;,&quot;title&quot;:&quot;Alocs Matar\\u00f3 Garcia Faura&quot;},{&quot;src&quot;:&quot;https:\\\/\\\/www.garciafaura.com\\\/wp-content\\\/uploads\\\/2021\\\/10\\\/Alocs-Mataro\\u0301-03.jpg&quot;,&quot;title&quot;:&quot;Alocs Matar\\u00f3 Garcia Faura&quot;},{&quot;src&quot;:&quot;https:\\\/\\\/www.garciafaura.com\\\/wp-content\\\/uploads\\\/2021\\\/10\\\/Alocs-Mataro\\u0301-02.jpg&quot;,&quot;title&quot;:&quot;Alocs Matar\\u00f3 Garcia Faura&quot;},{&quot;src&quot;:&quot;https:\\\/\\\/www.garciafaura.com\\\/wp-content\\\/uploads\\\/2021\\\/10\\\/Alocs-Mataro\\u0301-01.jpg&quot;,&quot;title&quot;:&quot;Alocs Matar\\u00f3 Garcia Faura&quot;}]\"><img loading=\"lazy\" decoding=\"async\" data-no-lazy=\"1\" class=\"portfolio-entry-img skip-lazy\" src=\"https:\/\/www.garciafaura.com\/wp-content\/uploads\/2021\/10\/Alocs-Mataro\u0301-17-600x314.jpg\" alt=\"Alocs Matar\u00f3 Garcia Faura\" data-no-retina width=\"600\" height=\"314\" \/><\/a><\/div><div class=\"portfolio-entry-details entry-details wpex-clr\"><h2 class=\"portfolio-entry-title entry-title\"><a href=\"https:\/\/www.garciafaura.com\/en\/portfolio-item\/residencial-alocs-mataro\/\" title=\"Alocs Matar\u00f3 Promotion\">Alocs Matar\u00f3 Promotion<\/a><\/h2><div class=\"portfolio-entry-categories entry-categories wpex-clr\"><a href=\"https:\/\/www.garciafaura.com\/en\/portfolio-category\/residential-complexes\/\" class=\"term-76\">Residential complexes<\/a><\/div><\/div><\/div><\/div><div class=\"portfolio-entry vcex-grid-item entry-has-details span_1_of_3 col col-2 vcex-isotope-entry vcex-no-margin-entry post-23052 entry type-portfolio has-media cat-76 translation_priority-15\"><div class=\"portfolio-entry-inner entry-inner wpex-clr\"><div class=\"portfolio-entry-media entry-media wpex-clr\"><a href=\"https:\/\/www.garciafaura.com\/wp-content\/uploads\/2021\/08\/Promocio\u0301-Eolo-Sabadell-01.jpg\" title=\"Eolo Sabadell Promotion\" class=\"portfolio-entry-media-link wpex-lightbox-gallery\" data-gallery=\"[{&quot;src&quot;:&quot;https:\\\/\\\/www.garciafaura.com\\\/wp-content\\\/uploads\\\/2021\\\/08\\\/Promocio\\u0301-Eolo-Sabadell-01.jpg&quot;,&quot;title&quot;:&quot;Garcia Faura Eolo Sabadell&quot;},{&quot;src&quot;:&quot;https:\\\/\\\/www.garciafaura.com\\\/wp-content\\\/uploads\\\/2021\\\/08\\\/Promocio\\u0301-Eolo-Sabadell-13.jpg&quot;,&quot;title&quot;:&quot;Garcia Faura Eolo Sabadell&quot;},{&quot;src&quot;:&quot;https:\\\/\\\/www.garciafaura.com\\\/wp-content\\\/uploads\\\/2021\\\/08\\\/Promocio\\u0301-Eolo-Sabadell-12.jpg&quot;,&quot;title&quot;:&quot;Garcia Faura Eolo Sabadell&quot;},{&quot;src&quot;:&quot;https:\\\/\\\/www.garciafaura.com\\\/wp-content\\\/uploads\\\/2021\\\/08\\\/Promocio\\u0301-Eolo-Sabadell-11.jpg&quot;,&quot;title&quot;:&quot;Garcia Faura Eolo Sabadell&quot;},{&quot;src&quot;:&quot;https:\\\/\\\/www.garciafaura.com\\\/wp-content\\\/uploads\\\/2021\\\/08\\\/Promocio\\u0301-Eolo-Sabadell-10.jpg&quot;,&quot;title&quot;:&quot;Garcia Faura Eolo Sabadell&quot;},{&quot;src&quot;:&quot;https:\\\/\\\/www.garciafaura.com\\\/wp-content\\\/uploads\\\/2021\\\/08\\\/Promocio\\u0301-Eolo-Sabadell-09.jpg&quot;,&quot;title&quot;:&quot;Garcia Faura Eolo Sabadell&quot;},{&quot;src&quot;:&quot;https:\\\/\\\/www.garciafaura.com\\\/wp-content\\\/uploads\\\/2021\\\/08\\\/Promocio\\u0301-Eolo-Sabadell-08.jpg&quot;,&quot;title&quot;:&quot;Garcia Faura Eolo Sabadell&quot;},{&quot;src&quot;:&quot;https:\\\/\\\/www.garciafaura.com\\\/wp-content\\\/uploads\\\/2021\\\/08\\\/Promocio\\u0301-Eolo-Sabadell-07.jpg&quot;,&quot;title&quot;:&quot;Garcia Faura Eolo Sabadell&quot;},{&quot;src&quot;:&quot;https:\\\/\\\/www.garciafaura.com\\\/wp-content\\\/uploads\\\/2021\\\/08\\\/Promocio\\u0301-Eolo-Sabadell-06.jpg&quot;,&quot;title&quot;:&quot;Garcia Faura Eolo Sabadell&quot;},{&quot;src&quot;:&quot;https:\\\/\\\/www.garciafaura.com\\\/wp-content\\\/uploads\\\/2021\\\/08\\\/Promocio\\u0301-Eolo-Sabadell-05.jpg&quot;,&quot;title&quot;:&quot;Garcia Faura Eolo Sabadell&quot;},{&quot;src&quot;:&quot;https:\\\/\\\/www.garciafaura.com\\\/wp-content\\\/uploads\\\/2021\\\/08\\\/Promocio\\u0301-Eolo-Sabadell-04.jpg&quot;,&quot;title&quot;:&quot;Garcia Faura Eolo Sabadell&quot;},{&quot;src&quot;:&quot;https:\\\/\\\/www.garciafaura.com\\\/wp-content\\\/uploads\\\/2021\\\/08\\\/Promocio\\u0301-Eolo-Sabadell-03.jpg&quot;,&quot;title&quot;:&quot;Garcia Faura Eolo Sabadell&quot;},{&quot;src&quot;:&quot;https:\\\/\\\/www.garciafaura.com\\\/wp-content\\\/uploads\\\/2021\\\/08\\\/Promocio\\u0301-Eolo-Sabadell-02.jpg&quot;,&quot;title&quot;:&quot;Garcia Faura Eolo Sabadell&quot;}]\"><img loading=\"lazy\" decoding=\"async\" data-no-lazy=\"1\" class=\"portfolio-entry-img skip-lazy\" src=\"https:\/\/www.garciafaura.com\/wp-content\/uploads\/2021\/08\/Promocio\u0301-Eolo-Sabadell-01-600x314.jpg\" alt=\"Garcia Faura Eolo Sabadell\" data-no-retina width=\"600\" height=\"314\" \/><\/a><\/div><div class=\"portfolio-entry-details entry-details wpex-clr\"><h2 class=\"portfolio-entry-title entry-title\"><a href=\"https:\/\/www.garciafaura.com\/en\/portfolio-item\/eolo-sabadell-promotion\/\" title=\"Eolo Sabadell Promotion\">Eolo Sabadell Promotion<\/a><\/h2><div class=\"portfolio-entry-categories entry-categories wpex-clr\"><a href=\"https:\/\/www.garciafaura.com\/en\/portfolio-category\/residential-complexes\/\" class=\"term-76\">Residential complexes<\/a><\/div><\/div><\/div><\/div><div class=\"portfolio-entry vcex-grid-item entry-has-details span_1_of_3 col col-3 vcex-isotope-entry vcex-no-margin-entry post-23092 entry type-portfolio has-media cat-76 translation_priority-15\"><div class=\"portfolio-entry-inner entry-inner wpex-clr\"><div class=\"portfolio-entry-media entry-media wpex-clr\"><a href=\"https:\/\/www.garciafaura.com\/wp-content\/uploads\/2019\/09\/Promocio\u0301-Esse\u0300ncia-Sabadell-01.jpg\" title=\"Residential Ess\u00e8ncia Sabadell\" class=\"portfolio-entry-media-link wpex-lightbox-gallery\" data-gallery=\"[{&quot;src&quot;:&quot;https:\\\/\\\/www.garciafaura.com\\\/wp-content\\\/uploads\\\/2019\\\/09\\\/Promocio\\u0301-Esse\\u0300ncia-Sabadell-01.jpg&quot;,&quot;title&quot;:&quot;Ess\\u00e8ncia Sabadell Garcia Faura&quot;},{&quot;src&quot;:&quot;https:\\\/\\\/www.garciafaura.com\\\/wp-content\\\/uploads\\\/2019\\\/09\\\/Promocio\\u0301-Esse\\u0300ncia-Sabadell-13.jpg&quot;,&quot;title&quot;:&quot;Ess\\u00e8ncia Sabadell Garcia Faura&quot;},{&quot;src&quot;:&quot;https:\\\/\\\/www.garciafaura.com\\\/wp-content\\\/uploads\\\/2019\\\/09\\\/Promocio\\u0301-Esse\\u0300ncia-Sabadell-12.jpg&quot;,&quot;title&quot;:&quot;Ess\\u00e8ncia Sabadell Garcia Faura&quot;},{&quot;src&quot;:&quot;https:\\\/\\\/www.garciafaura.com\\\/wp-content\\\/uploads\\\/2019\\\/09\\\/Promocio\\u0301-Esse\\u0300ncia-Sabadell-11.jpg&quot;,&quot;title&quot;:&quot;Ess\\u00e8ncia Sabadell Garcia Faura&quot;},{&quot;src&quot;:&quot;https:\\\/\\\/www.garciafaura.com\\\/wp-content\\\/uploads\\\/2019\\\/09\\\/Promocio\\u0301-Esse\\u0300ncia-Sabadell-10.jpg&quot;,&quot;title&quot;:&quot;Ess\\u00e8ncia Sabadell Garcia Faura&quot;},{&quot;src&quot;:&quot;https:\\\/\\\/www.garciafaura.com\\\/wp-content\\\/uploads\\\/2019\\\/09\\\/Promocio\\u0301-Esse\\u0300ncia-Sabadell-09.jpg&quot;,&quot;title&quot;:&quot;Ess\\u00e8ncia Sabadell Garcia Faura&quot;},{&quot;src&quot;:&quot;https:\\\/\\\/www.garciafaura.com\\\/wp-content\\\/uploads\\\/2019\\\/09\\\/Promocio\\u0301-Esse\\u0300ncia-Sabadell-08.jpg&quot;,&quot;title&quot;:&quot;Ess\\u00e8ncia Sabadell Garcia Faura&quot;},{&quot;src&quot;:&quot;https:\\\/\\\/www.garciafaura.com\\\/wp-content\\\/uploads\\\/2019\\\/09\\\/Promocio\\u0301-Esse\\u0300ncia-Sabadell-07.jpg&quot;,&quot;title&quot;:&quot;Ess\\u00e8ncia Sabadell Garcia Faura&quot;},{&quot;src&quot;:&quot;https:\\\/\\\/www.garciafaura.com\\\/wp-content\\\/uploads\\\/2019\\\/09\\\/Promocio\\u0301-Esse\\u0300ncia-Sabadell-06.jpg&quot;,&quot;title&quot;:&quot;Ess\\u00e8ncia Sabadell Garcia Faura&quot;},{&quot;src&quot;:&quot;https:\\\/\\\/www.garciafaura.com\\\/wp-content\\\/uploads\\\/2019\\\/09\\\/Promocio\\u0301-Esse\\u0300ncia-Sabadell-05.jpg&quot;,&quot;title&quot;:&quot;Ess\\u00e8ncia Sabadell Garcia Faura&quot;},{&quot;src&quot;:&quot;https:\\\/\\\/www.garciafaura.com\\\/wp-content\\\/uploads\\\/2019\\\/09\\\/Promocio\\u0301-Esse\\u0300ncia-Sabadell-04.jpg&quot;,&quot;title&quot;:&quot;Ess\\u00e8ncia Sabadell Garcia Faura&quot;},{&quot;src&quot;:&quot;https:\\\/\\\/www.garciafaura.com\\\/wp-content\\\/uploads\\\/2019\\\/09\\\/Promocio\\u0301-Esse\\u0300ncia-Sabadell-03.jpg&quot;,&quot;title&quot;:&quot;Ess\\u00e8ncia Sabadell Garcia Faura&quot;},{&quot;src&quot;:&quot;https:\\\/\\\/www.garciafaura.com\\\/wp-content\\\/uploads\\\/2019\\\/09\\\/Promocio\\u0301-Esse\\u0300ncia-Sabadell-02.jpg&quot;,&quot;title&quot;:&quot;Ess\\u00e8ncia Sabadell Garcia Faura&quot;}]\"><img loading=\"lazy\" decoding=\"async\" data-no-lazy=\"1\" class=\"portfolio-entry-img skip-lazy\" src=\"https:\/\/www.garciafaura.com\/wp-content\/uploads\/2019\/09\/Promocio\u0301-Esse\u0300ncia-Sabadell-01-600x314.jpg\" alt=\"Ess\u00e8ncia Sabadell Garcia Faura\" data-no-retina width=\"600\" height=\"314\" \/><\/a><\/div><div class=\"portfolio-entry-details entry-details wpex-clr\"><h2 class=\"portfolio-entry-title entry-title\"><a href=\"https:\/\/www.garciafaura.com\/en\/portfolio-item\/residential-essencia-sabadell\/\" title=\"Residential Ess\u00e8ncia Sabadell\">Residential Ess\u00e8ncia Sabadell<\/a><\/h2><div class=\"portfolio-entry-categories entry-categories wpex-clr\"><a href=\"https:\/\/www.garciafaura.com\/en\/portfolio-category\/residential-complexes\/\" class=\"term-76\">Residential complexes<\/a><\/div><\/div><\/div><\/div><div class=\"portfolio-entry vcex-grid-item entry-has-details span_1_of_3 col col-1 vcex-isotope-entry vcex-no-margin-entry post-27541 entry type-portfolio has-media cat-86 cat-76 translation_priority-15\"><div class=\"portfolio-entry-inner entry-inner wpex-clr\"><div class=\"portfolio-entry-media entry-media wpex-clr\"><a href=\"https:\/\/www.garciafaura.com\/wp-content\/uploads\/2021\/06\/Kube-Tarragona-20.jpg\" title=\"The Kube residential building\" class=\"portfolio-entry-media-link wpex-lightbox-gallery\" data-gallery=\"[{&quot;src&quot;:&quot;https:\\\/\\\/www.garciafaura.com\\\/wp-content\\\/uploads\\\/2021\\\/06\\\/Kube-Tarragona-20.jpg&quot;},{&quot;src&quot;:&quot;https:\\\/\\\/www.garciafaura.com\\\/wp-content\\\/uploads\\\/2021\\\/06\\\/Kube-Tarragona-01.jpg&quot;},{&quot;src&quot;:&quot;https:\\\/\\\/www.garciafaura.com\\\/wp-content\\\/uploads\\\/2021\\\/06\\\/Kube-Tarragona-42.jpg&quot;},{&quot;src&quot;:&quot;https:\\\/\\\/www.garciafaura.com\\\/wp-content\\\/uploads\\\/2021\\\/06\\\/Kube-Tarragona-41.jpg&quot;},{&quot;src&quot;:&quot;https:\\\/\\\/www.garciafaura.com\\\/wp-content\\\/uploads\\\/2021\\\/06\\\/Kube-Tarragona-40.jpg&quot;},{&quot;src&quot;:&quot;https:\\\/\\\/www.garciafaura.com\\\/wp-content\\\/uploads\\\/2021\\\/06\\\/Kube-Tarragona-39.jpg&quot;},{&quot;src&quot;:&quot;https:\\\/\\\/www.garciafaura.com\\\/wp-content\\\/uploads\\\/2021\\\/06\\\/Kube-Tarragona-38.jpg&quot;},{&quot;src&quot;:&quot;https:\\\/\\\/www.garciafaura.com\\\/wp-content\\\/uploads\\\/2021\\\/06\\\/Kube-Tarragona-37.jpg&quot;},{&quot;src&quot;:&quot;https:\\\/\\\/www.garciafaura.com\\\/wp-content\\\/uploads\\\/2021\\\/06\\\/Kube-Tarragona-36.jpg&quot;},{&quot;src&quot;:&quot;https:\\\/\\\/www.garciafaura.com\\\/wp-content\\\/uploads\\\/2021\\\/06\\\/Kube-Tarragona-35.jpg&quot;},{&quot;src&quot;:&quot;https:\\\/\\\/www.garciafaura.com\\\/wp-content\\\/uploads\\\/2021\\\/06\\\/Kube-Tarragona-34.jpg&quot;},{&quot;src&quot;:&quot;https:\\\/\\\/www.garciafaura.com\\\/wp-content\\\/uploads\\\/2021\\\/06\\\/Kube-Tarragona-33.jpg&quot;},{&quot;src&quot;:&quot;https:\\\/\\\/www.garciafaura.com\\\/wp-content\\\/uploads\\\/2021\\\/06\\\/Kube-Tarragona-32.jpg&quot;},{&quot;src&quot;:&quot;https:\\\/\\\/www.garciafaura.com\\\/wp-content\\\/uploads\\\/2021\\\/06\\\/Kube-Tarragona-31.jpg&quot;},{&quot;src&quot;:&quot;https:\\\/\\\/www.garciafaura.com\\\/wp-content\\\/uploads\\\/2021\\\/06\\\/Kube-Tarragona-30.jpg&quot;},{&quot;src&quot;:&quot;https:\\\/\\\/www.garciafaura.com\\\/wp-content\\\/uploads\\\/2021\\\/06\\\/Kube-Tarragona-29.jpg&quot;},{&quot;src&quot;:&quot;https:\\\/\\\/www.garciafaura.com\\\/wp-content\\\/uploads\\\/2021\\\/06\\\/Kube-Tarragona-28.jpg&quot;},{&quot;src&quot;:&quot;https:\\\/\\\/www.garciafaura.com\\\/wp-content\\\/uploads\\\/2021\\\/06\\\/Kube-Tarragona-27.jpg&quot;},{&quot;src&quot;:&quot;https:\\\/\\\/www.garciafaura.com\\\/wp-content\\\/uploads\\\/2021\\\/06\\\/Kube-Tarragona-26.jpg&quot;},{&quot;src&quot;:&quot;https:\\\/\\\/www.garciafaura.com\\\/wp-content\\\/uploads\\\/2021\\\/06\\\/Kube-Tarragona-25.jpg&quot;},{&quot;src&quot;:&quot;https:\\\/\\\/www.garciafaura.com\\\/wp-content\\\/uploads\\\/2021\\\/06\\\/Kube-Tarragona-24.jpg&quot;},{&quot;src&quot;:&quot;https:\\\/\\\/www.garciafaura.com\\\/wp-content\\\/uploads\\\/2021\\\/06\\\/Kube-Tarragona-23.jpg&quot;},{&quot;src&quot;:&quot;https:\\\/\\\/www.garciafaura.com\\\/wp-content\\\/uploads\\\/2021\\\/06\\\/Kube-Tarragona-22.jpg&quot;},{&quot;src&quot;:&quot;https:\\\/\\\/www.garciafaura.com\\\/wp-content\\\/uploads\\\/2021\\\/06\\\/Kube-Tarragona-21.jpg&quot;},{&quot;src&quot;:&quot;https:\\\/\\\/www.garciafaura.com\\\/wp-content\\\/uploads\\\/2021\\\/06\\\/Kube-Tarragona-19.jpg&quot;},{&quot;src&quot;:&quot;https:\\\/\\\/www.garciafaura.com\\\/wp-content\\\/uploads\\\/2021\\\/06\\\/Kube-Tarragona-18.jpg&quot;},{&quot;src&quot;:&quot;https:\\\/\\\/www.garciafaura.com\\\/wp-content\\\/uploads\\\/2021\\\/06\\\/Kube-Tarragona-17.jpg&quot;},{&quot;src&quot;:&quot;https:\\\/\\\/www.garciafaura.com\\\/wp-content\\\/uploads\\\/2021\\\/06\\\/Kube-Tarragona-16.jpg&quot;},{&quot;src&quot;:&quot;https:\\\/\\\/www.garciafaura.com\\\/wp-content\\\/uploads\\\/2021\\\/06\\\/Kube-Tarragona-15.jpg&quot;},{&quot;src&quot;:&quot;https:\\\/\\\/www.garciafaura.com\\\/wp-content\\\/uploads\\\/2021\\\/06\\\/Kube-Tarragona-14.jpg&quot;},{&quot;src&quot;:&quot;https:\\\/\\\/www.garciafaura.com\\\/wp-content\\\/uploads\\\/2021\\\/06\\\/Kube-Tarragona-13.jpg&quot;},{&quot;src&quot;:&quot;https:\\\/\\\/www.garciafaura.com\\\/wp-content\\\/uploads\\\/2021\\\/06\\\/Kube-Tarragona-12.jpg&quot;},{&quot;src&quot;:&quot;https:\\\/\\\/www.garciafaura.com\\\/wp-content\\\/uploads\\\/2021\\\/06\\\/Kube-Tarragona-11.jpg&quot;},{&quot;src&quot;:&quot;https:\\\/\\\/www.garciafaura.com\\\/wp-content\\\/uploads\\\/2021\\\/06\\\/Kube-Tarragona-10.jpg&quot;},{&quot;src&quot;:&quot;https:\\\/\\\/www.garciafaura.com\\\/wp-content\\\/uploads\\\/2021\\\/06\\\/Kube-Tarragona-09.jpg&quot;},{&quot;src&quot;:&quot;https:\\\/\\\/www.garciafaura.com\\\/wp-content\\\/uploads\\\/2021\\\/06\\\/Kube-Tarragona-08.jpg&quot;},{&quot;src&quot;:&quot;https:\\\/\\\/www.garciafaura.com\\\/wp-content\\\/uploads\\\/2021\\\/06\\\/Kube-Tarragona-07.jpg&quot;},{&quot;src&quot;:&quot;https:\\\/\\\/www.garciafaura.com\\\/wp-content\\\/uploads\\\/2021\\\/06\\\/Kube-Tarragona-06.jpg&quot;},{&quot;src&quot;:&quot;https:\\\/\\\/www.garciafaura.com\\\/wp-content\\\/uploads\\\/2021\\\/06\\\/Kube-Tarragona-05.jpg&quot;},{&quot;src&quot;:&quot;https:\\\/\\\/www.garciafaura.com\\\/wp-content\\\/uploads\\\/2021\\\/06\\\/Kube-Tarragona-04.jpg&quot;},{&quot;src&quot;:&quot;https:\\\/\\\/www.garciafaura.com\\\/wp-content\\\/uploads\\\/2021\\\/06\\\/Kube-Tarragona-03.jpg&quot;},{&quot;src&quot;:&quot;https:\\\/\\\/www.garciafaura.com\\\/wp-content\\\/uploads\\\/2021\\\/06\\\/Kube-Tarragona-02.jpg&quot;}]\"><img loading=\"lazy\" decoding=\"async\" data-no-lazy=\"1\" class=\"portfolio-entry-img skip-lazy\" src=\"https:\/\/www.garciafaura.com\/wp-content\/uploads\/2021\/06\/Kube-Tarragona-20-600x314.jpg\" alt='' data-no-retina width=\"600\" height=\"314\" \/><\/a><\/div><div class=\"portfolio-entry-details entry-details wpex-clr\"><h2 class=\"portfolio-entry-title entry-title\"><a href=\"https:\/\/www.garciafaura.com\/en\/portfolio-item\/residencial-the-kube\/\" title=\"The Kube residential building\">The Kube residential building<\/a><\/h2><div class=\"portfolio-entry-categories entry-categories wpex-clr\"><a href=\"https:\/\/www.garciafaura.com\/en\/portfolio-category\/destacat-residential-complexes\/\" class=\"term-86\">Destacat residential complexes<\/a><\/div><\/div><\/div><\/div><div class=\"portfolio-entry vcex-grid-item entry-has-details span_1_of_3 col col-2 vcex-isotope-entry vcex-no-margin-entry post-26160 entry type-portfolio has-media cat-76 translation_priority-15\"><div class=\"portfolio-entry-inner entry-inner wpex-clr\"><div class=\"portfolio-entry-media entry-media wpex-clr\"><a href=\"https:\/\/www.garciafaura.com\/wp-content\/uploads\/2020\/11\/MTP02717.jpg\" title=\"Residential Casagemes Badalona\" class=\"portfolio-entry-media-link wpex-lightbox-gallery\" data-gallery=\"[{&quot;src&quot;:&quot;https:\\\/\\\/www.garciafaura.com\\\/wp-content\\\/uploads\\\/2020\\\/11\\\/MTP02717.jpg&quot;,&quot;title&quot;:&quot;Casagemes Badalona Garcia Faura&quot;},{&quot;src&quot;:&quot;https:\\\/\\\/www.garciafaura.com\\\/wp-content\\\/uploads\\\/2020\\\/11\\\/MTP02728.jpg&quot;,&quot;title&quot;:&quot;Casagemes Badalona Garcia Faura&quot;},{&quot;src&quot;:&quot;https:\\\/\\\/www.garciafaura.com\\\/wp-content\\\/uploads\\\/2020\\\/11\\\/MTP02723.jpg&quot;,&quot;title&quot;:&quot;Casagemes Badalona Garcia Faura&quot;},{&quot;src&quot;:&quot;https:\\\/\\\/www.garciafaura.com\\\/wp-content\\\/uploads\\\/2020\\\/11\\\/MTP02710.jpg&quot;,&quot;title&quot;:&quot;Casagemes Badalona Garcia Faura&quot;},{&quot;src&quot;:&quot;https:\\\/\\\/www.garciafaura.com\\\/wp-content\\\/uploads\\\/2020\\\/11\\\/MTP02704.jpg&quot;,&quot;title&quot;:&quot;Casagemes Badalona Garcia Faura&quot;},{&quot;src&quot;:&quot;https:\\\/\\\/www.garciafaura.com\\\/wp-content\\\/uploads\\\/2020\\\/11\\\/MTP02694.jpg&quot;,&quot;title&quot;:&quot;Casagemes Badalona Garcia Faura&quot;},{&quot;src&quot;:&quot;https:\\\/\\\/www.garciafaura.com\\\/wp-content\\\/uploads\\\/2020\\\/11\\\/MTP02688.jpg&quot;,&quot;title&quot;:&quot;Casagemes Badalona Garcia Faura&quot;},{&quot;src&quot;:&quot;https:\\\/\\\/www.garciafaura.com\\\/wp-content\\\/uploads\\\/2020\\\/11\\\/MTP02682.jpg&quot;,&quot;title&quot;:&quot;Casagemes Badalona Garcia Faura&quot;},{&quot;src&quot;:&quot;https:\\\/\\\/www.garciafaura.com\\\/wp-content\\\/uploads\\\/2020\\\/11\\\/MTP02681.jpg&quot;,&quot;title&quot;:&quot;Casagemes Badalona Garcia Faura&quot;},{&quot;src&quot;:&quot;https:\\\/\\\/www.garciafaura.com\\\/wp-content\\\/uploads\\\/2020\\\/11\\\/MTP02679.jpg&quot;,&quot;title&quot;:&quot;Casagemes Badalona Garcia Faura&quot;},{&quot;src&quot;:&quot;https:\\\/\\\/www.garciafaura.com\\\/wp-content\\\/uploads\\\/2020\\\/11\\\/MTP02674.jpg&quot;,&quot;title&quot;:&quot;Casagemes Badalona Garcia Faura&quot;},{&quot;src&quot;:&quot;https:\\\/\\\/www.garciafaura.com\\\/wp-content\\\/uploads\\\/2020\\\/11\\\/MTP02665.jpg&quot;,&quot;title&quot;:&quot;Casagemes Badalona Garcia Faura&quot;},{&quot;src&quot;:&quot;https:\\\/\\\/www.garciafaura.com\\\/wp-content\\\/uploads\\\/2020\\\/11\\\/MTP02663.jpg&quot;,&quot;title&quot;:&quot;Casagemes Badalona Garcia Faura&quot;},{&quot;src&quot;:&quot;https:\\\/\\\/www.garciafaura.com\\\/wp-content\\\/uploads\\\/2020\\\/11\\\/MTP02661.jpg&quot;,&quot;title&quot;:&quot;Casagemes Badalona Garcia Faura&quot;},{&quot;src&quot;:&quot;https:\\\/\\\/www.garciafaura.com\\\/wp-content\\\/uploads\\\/2020\\\/11\\\/MTP02655.jpg&quot;,&quot;title&quot;:&quot;Casagemes Badalona Garcia Faura&quot;}]\"><img loading=\"lazy\" decoding=\"async\" data-no-lazy=\"1\" class=\"portfolio-entry-img skip-lazy\" src=\"https:\/\/www.garciafaura.com\/wp-content\/uploads\/2020\/11\/MTP02717-600x314.jpg\" alt=\"Casagemes Badalona Garcia Faura\" data-no-retina width=\"600\" height=\"314\" \/><\/a><\/div><div class=\"portfolio-entry-details entry-details wpex-clr\"><h2 class=\"portfolio-entry-title entry-title\"><a href=\"https:\/\/www.garciafaura.com\/en\/portfolio-item\/residencial-casagemes\/\" title=\"Residential Casagemes Badalona\">Residential Casagemes Badalona<\/a><\/h2><div class=\"portfolio-entry-categories entry-categories wpex-clr\"><a href=\"https:\/\/www.garciafaura.com\/en\/portfolio-category\/residential-complexes\/\" class=\"term-76\">Residential complexes<\/a><\/div><\/div><\/div><\/div><div class=\"portfolio-entry vcex-grid-item entry-has-details span_1_of_3 col col-3 vcex-isotope-entry vcex-no-margin-entry post-25931 entry type-portfolio has-media cat-76 translation_priority-15\"><div class=\"portfolio-entry-inner entry-inner wpex-clr\"><div class=\"portfolio-entry-media entry-media wpex-clr\"><a href=\"https:\/\/www.garciafaura.com\/wp-content\/uploads\/2020\/08\/Residencial-Ernest-Lluch-Mataro\u0301-01.jpg\" title=\"Ernest Lluch development\" class=\"portfolio-entry-media-link wpex-lightbox-gallery\" data-gallery=\"[{&quot;src&quot;:&quot;https:\\\/\\\/www.garciafaura.com\\\/wp-content\\\/uploads\\\/2020\\\/08\\\/Residencial-Ernest-Lluch-Mataro\\u0301-01.jpg&quot;},{&quot;src&quot;:&quot;https:\\\/\\\/www.garciafaura.com\\\/wp-content\\\/uploads\\\/2020\\\/08\\\/Residencial-Ernest-Lluch-Mataro\\u0301-02.jpg&quot;},{&quot;src&quot;:&quot;https:\\\/\\\/www.garciafaura.com\\\/wp-content\\\/uploads\\\/2020\\\/08\\\/Residencial-Ernest-Lluch-Mataro\\u0301-03.jpg&quot;},{&quot;src&quot;:&quot;https:\\\/\\\/www.garciafaura.com\\\/wp-content\\\/uploads\\\/2020\\\/08\\\/Residencial-Ernest-Lluch-Mataro\\u0301-04.jpg&quot;},{&quot;src&quot;:&quot;https:\\\/\\\/www.garciafaura.com\\\/wp-content\\\/uploads\\\/2020\\\/08\\\/Residencial-Ernest-Lluch-Mataro\\u0301-05.jpg&quot;},{&quot;src&quot;:&quot;https:\\\/\\\/www.garciafaura.com\\\/wp-content\\\/uploads\\\/2020\\\/08\\\/Residencial-Ernest-Lluch-Mataro\\u0301-06.jpg&quot;},{&quot;src&quot;:&quot;https:\\\/\\\/www.garciafaura.com\\\/wp-content\\\/uploads\\\/2020\\\/08\\\/Residencial-Ernest-Lluch-Mataro\\u0301-07.jpg&quot;},{&quot;src&quot;:&quot;https:\\\/\\\/www.garciafaura.com\\\/wp-content\\\/uploads\\\/2020\\\/08\\\/Residencial-Ernest-Lluch-Mataro\\u0301-08.jpg&quot;},{&quot;src&quot;:&quot;https:\\\/\\\/www.garciafaura.com\\\/wp-content\\\/uploads\\\/2020\\\/08\\\/Residencial-Ernest-Lluch-Mataro\\u0301-09.jpg&quot;},{&quot;src&quot;:&quot;https:\\\/\\\/www.garciafaura.com\\\/wp-content\\\/uploads\\\/2020\\\/08\\\/Residencial-Ernest-Lluch-Mataro\\u0301-10.jpg&quot;},{&quot;src&quot;:&quot;https:\\\/\\\/www.garciafaura.com\\\/wp-content\\\/uploads\\\/2020\\\/08\\\/Residencial-Ernest-Lluch-Mataro\\u0301-11.jpg&quot;}]\"><img loading=\"lazy\" decoding=\"async\" data-no-lazy=\"1\" class=\"portfolio-entry-img skip-lazy\" src=\"https:\/\/www.garciafaura.com\/wp-content\/uploads\/2020\/08\/Residencial-Ernest-Lluch-Mataro\u0301-01-600x314.jpg\" alt='' data-no-retina width=\"600\" height=\"314\" \/><\/a><\/div><div class=\"portfolio-entry-details entry-details wpex-clr\"><h2 class=\"portfolio-entry-title entry-title\"><a href=\"https:\/\/www.garciafaura.com\/en\/portfolio-item\/residencial-ernest-lluch-mataro\/\" title=\"Ernest Lluch development\">Ernest Lluch development<\/a><\/h2><div class=\"portfolio-entry-categories entry-categories wpex-clr\"><a href=\"https:\/\/www.garciafaura.com\/en\/portfolio-category\/residential-complexes\/\" class=\"term-76\">Residential complexes<\/a><\/div><\/div><\/div><\/div><div class=\"portfolio-entry vcex-grid-item entry-has-details span_1_of_3 col col-1 vcex-isotope-entry vcex-no-margin-entry post-24694 entry type-portfolio has-media cat-76 translation_priority-15\"><div class=\"portfolio-entry-inner entry-inner wpex-clr\"><div class=\"portfolio-entry-media entry-media wpex-clr\"><a href=\"https:\/\/www.garciafaura.com\/wp-content\/uploads\/2020\/01\/Promocio\u0301-Sant-Just-Home-01.jpg\" title=\"Sant Just Home promotion\" class=\"portfolio-entry-media-link wpex-lightbox-gallery\" data-gallery=\"[{&quot;src&quot;:&quot;https:\\\/\\\/www.garciafaura.com\\\/wp-content\\\/uploads\\\/2020\\\/01\\\/Promocio\\u0301-Sant-Just-Home-01.jpg&quot;},{&quot;src&quot;:&quot;https:\\\/\\\/www.garciafaura.com\\\/wp-content\\\/uploads\\\/2020\\\/01\\\/Promocio\\u0301-Sant-Just-Home-35.jpg&quot;},{&quot;src&quot;:&quot;https:\\\/\\\/www.garciafaura.com\\\/wp-content\\\/uploads\\\/2020\\\/01\\\/Promocio\\u0301-Sant-Just-Home-34.jpg&quot;},{&quot;src&quot;:&quot;https:\\\/\\\/www.garciafaura.com\\\/wp-content\\\/uploads\\\/2020\\\/01\\\/Promocio\\u0301-Sant-Just-Home-33.jpg&quot;},{&quot;src&quot;:&quot;https:\\\/\\\/www.garciafaura.com\\\/wp-content\\\/uploads\\\/2020\\\/01\\\/Promocio\\u0301-Sant-Just-Home-32.jpg&quot;},{&quot;src&quot;:&quot;https:\\\/\\\/www.garciafaura.com\\\/wp-content\\\/uploads\\\/2020\\\/01\\\/Promocio\\u0301-Sant-Just-Home-31.jpg&quot;},{&quot;src&quot;:&quot;https:\\\/\\\/www.garciafaura.com\\\/wp-content\\\/uploads\\\/2020\\\/01\\\/Promocio\\u0301-Sant-Just-Home-30.jpg&quot;},{&quot;src&quot;:&quot;https:\\\/\\\/www.garciafaura.com\\\/wp-content\\\/uploads\\\/2020\\\/01\\\/Promocio\\u0301-Sant-Just-Home-29.jpg&quot;},{&quot;src&quot;:&quot;https:\\\/\\\/www.garciafaura.com\\\/wp-content\\\/uploads\\\/2020\\\/01\\\/Promocio\\u0301-Sant-Just-Home-28.jpg&quot;},{&quot;src&quot;:&quot;https:\\\/\\\/www.garciafaura.com\\\/wp-content\\\/uploads\\\/2020\\\/01\\\/Promocio\\u0301-Sant-Just-Home-27.jpg&quot;},{&quot;src&quot;:&quot;https:\\\/\\\/www.garciafaura.com\\\/wp-content\\\/uploads\\\/2020\\\/01\\\/Promocio\\u0301-Sant-Just-Home-26.jpg&quot;},{&quot;src&quot;:&quot;https:\\\/\\\/www.garciafaura.com\\\/wp-content\\\/uploads\\\/2020\\\/01\\\/Promocio\\u0301-Sant-Just-Home-25.jpg&quot;},{&quot;src&quot;:&quot;https:\\\/\\\/www.garciafaura.com\\\/wp-content\\\/uploads\\\/2020\\\/01\\\/Promocio\\u0301-Sant-Just-Home-24.jpg&quot;},{&quot;src&quot;:&quot;https:\\\/\\\/www.garciafaura.com\\\/wp-content\\\/uploads\\\/2020\\\/01\\\/Promocio\\u0301-Sant-Just-Home-23.jpg&quot;},{&quot;src&quot;:&quot;https:\\\/\\\/www.garciafaura.com\\\/wp-content\\\/uploads\\\/2020\\\/01\\\/Promocio\\u0301-Sant-Just-Home-22.jpg&quot;},{&quot;src&quot;:&quot;https:\\\/\\\/www.garciafaura.com\\\/wp-content\\\/uploads\\\/2020\\\/01\\\/Promocio\\u0301-Sant-Just-Home-21.jpg&quot;},{&quot;src&quot;:&quot;https:\\\/\\\/www.garciafaura.com\\\/wp-content\\\/uploads\\\/2020\\\/01\\\/Promocio\\u0301-Sant-Just-Home-20.jpg&quot;},{&quot;src&quot;:&quot;https:\\\/\\\/www.garciafaura.com\\\/wp-content\\\/uploads\\\/2020\\\/01\\\/Promocio\\u0301-Sant-Just-Home-19.jpg&quot;},{&quot;src&quot;:&quot;https:\\\/\\\/www.garciafaura.com\\\/wp-content\\\/uploads\\\/2020\\\/01\\\/Promocio\\u0301-Sant-Just-Home-18.jpg&quot;},{&quot;src&quot;:&quot;https:\\\/\\\/www.garciafaura.com\\\/wp-content\\\/uploads\\\/2020\\\/01\\\/Promocio\\u0301-Sant-Just-Home-17.jpg&quot;},{&quot;src&quot;:&quot;https:\\\/\\\/www.garciafaura.com\\\/wp-content\\\/uploads\\\/2020\\\/01\\\/Promocio\\u0301-Sant-Just-Home-16.jpg&quot;},{&quot;src&quot;:&quot;https:\\\/\\\/www.garciafaura.com\\\/wp-content\\\/uploads\\\/2020\\\/01\\\/Promocio\\u0301-Sant-Just-Home-15.jpg&quot;},{&quot;src&quot;:&quot;https:\\\/\\\/www.garciafaura.com\\\/wp-content\\\/uploads\\\/2020\\\/01\\\/Promocio\\u0301-Sant-Just-Home-14.jpg&quot;},{&quot;src&quot;:&quot;https:\\\/\\\/www.garciafaura.com\\\/wp-content\\\/uploads\\\/2020\\\/01\\\/Promocio\\u0301-Sant-Just-Home-13.jpg&quot;},{&quot;src&quot;:&quot;https:\\\/\\\/www.garciafaura.com\\\/wp-content\\\/uploads\\\/2020\\\/01\\\/Promocio\\u0301-Sant-Just-Home-12.jpg&quot;},{&quot;src&quot;:&quot;https:\\\/\\\/www.garciafaura.com\\\/wp-content\\\/uploads\\\/2020\\\/01\\\/Promocio\\u0301-Sant-Just-Home-11.jpg&quot;},{&quot;src&quot;:&quot;https:\\\/\\\/www.garciafaura.com\\\/wp-content\\\/uploads\\\/2020\\\/01\\\/Promocio\\u0301-Sant-Just-Home-10.jpg&quot;},{&quot;src&quot;:&quot;https:\\\/\\\/www.garciafaura.com\\\/wp-content\\\/uploads\\\/2020\\\/01\\\/Promocio\\u0301-Sant-Just-Home-09.jpg&quot;},{&quot;src&quot;:&quot;https:\\\/\\\/www.garciafaura.com\\\/wp-content\\\/uploads\\\/2020\\\/01\\\/Promocio\\u0301-Sant-Just-Home-08.jpg&quot;},{&quot;src&quot;:&quot;https:\\\/\\\/www.garciafaura.com\\\/wp-content\\\/uploads\\\/2020\\\/01\\\/Promocio\\u0301-Sant-Just-Home-07.jpg&quot;},{&quot;src&quot;:&quot;https:\\\/\\\/www.garciafaura.com\\\/wp-content\\\/uploads\\\/2020\\\/01\\\/Promocio\\u0301-Sant-Just-Home-06.jpg&quot;},{&quot;src&quot;:&quot;https:\\\/\\\/www.garciafaura.com\\\/wp-content\\\/uploads\\\/2020\\\/01\\\/Promocio\\u0301-Sant-Just-Home-05.jpg&quot;},{&quot;src&quot;:&quot;https:\\\/\\\/www.garciafaura.com\\\/wp-content\\\/uploads\\\/2020\\\/01\\\/Promocio\\u0301-Sant-Just-Home-04.jpg&quot;},{&quot;src&quot;:&quot;https:\\\/\\\/www.garciafaura.com\\\/wp-content\\\/uploads\\\/2020\\\/01\\\/Promocio\\u0301-Sant-Just-Home-03.jpg&quot;},{&quot;src&quot;:&quot;https:\\\/\\\/www.garciafaura.com\\\/wp-content\\\/uploads\\\/2020\\\/01\\\/Promocio\\u0301-Sant-Just-Home-02.jpg&quot;}]\"><img loading=\"lazy\" decoding=\"async\" data-no-lazy=\"1\" class=\"portfolio-entry-img skip-lazy\" src=\"https:\/\/www.garciafaura.com\/wp-content\/uploads\/2020\/01\/Promocio\u0301-Sant-Just-Home-01-600x314.jpg\" alt='' data-no-retina width=\"600\" height=\"314\" \/><\/a><\/div><div class=\"portfolio-entry-details entry-details wpex-clr\"><h2 class=\"portfolio-entry-title entry-title\"><a href=\"https:\/\/www.garciafaura.com\/en\/portfolio-item\/sant-just-home-promotion\/\" title=\"Sant Just Home promotion\">Sant Just Home promotion<\/a><\/h2><div class=\"portfolio-entry-categories entry-categories wpex-clr\"><a href=\"https:\/\/www.garciafaura.com\/en\/portfolio-category\/residential-complexes\/\" class=\"term-76\">Residential complexes<\/a><\/div><\/div><\/div><\/div><div class=\"portfolio-entry vcex-grid-item entry-has-details span_1_of_3 col col-2 vcex-isotope-entry vcex-no-margin-entry post-24490 entry type-portfolio has-media cat-82 cat-80 cat-76 translation_priority-15\"><div class=\"portfolio-entry-inner entry-inner wpex-clr\"><div class=\"portfolio-entry-media entry-media wpex-clr\"><a href=\"https:\/\/www.garciafaura.com\/wp-content\/uploads\/2019\/11\/12333-01.jpg\" title=\"Lumini Building\" class=\"portfolio-entry-media-link wpex-lightbox-gallery\" data-gallery=\"[{&quot;src&quot;:&quot;https:\\\/\\\/www.garciafaura.com\\\/wp-content\\\/uploads\\\/2019\\\/11\\\/12333-01.jpg&quot;,&quot;title&quot;:&quot;Lumini&quot;},{&quot;src&quot;:&quot;https:\\\/\\\/www.garciafaura.com\\\/wp-content\\\/uploads\\\/2019\\\/11\\\/12333-02.jpg&quot;,&quot;title&quot;:&quot;Lumini&quot;},{&quot;src&quot;:&quot;https:\\\/\\\/www.garciafaura.com\\\/wp-content\\\/uploads\\\/2019\\\/11\\\/12333-03.jpg&quot;,&quot;title&quot;:&quot;Lumini&quot;},{&quot;src&quot;:&quot;https:\\\/\\\/www.garciafaura.com\\\/wp-content\\\/uploads\\\/2019\\\/11\\\/12333-04.jpg&quot;,&quot;title&quot;:&quot;Lumini&quot;},{&quot;src&quot;:&quot;https:\\\/\\\/www.garciafaura.com\\\/wp-content\\\/uploads\\\/2019\\\/11\\\/12333-05.jpg&quot;,&quot;title&quot;:&quot;Lumini&quot;}]\"><img loading=\"lazy\" decoding=\"async\" data-no-lazy=\"1\" class=\"portfolio-entry-img skip-lazy\" src=\"https:\/\/www.garciafaura.com\/wp-content\/uploads\/2019\/11\/12333-01-600x314.jpg\" alt=\"Lumini\" data-no-retina width=\"600\" height=\"314\" \/><\/a><\/div><div class=\"portfolio-entry-details entry-details wpex-clr\"><h2 class=\"portfolio-entry-title entry-title\"><a href=\"https:\/\/www.garciafaura.com\/en\/portfolio-item\/edifici-lumini\/\" title=\"Lumini Building\">Lumini Building<\/a><\/h2><div class=\"portfolio-entry-categories entry-categories wpex-clr\"><a href=\"https:\/\/www.garciafaura.com\/en\/portfolio-category\/destacat-international\/\" class=\"term-82\">Destacat International<\/a><\/div><\/div><\/div><\/div><div class=\"portfolio-entry vcex-grid-item entry-has-details span_1_of_3 col col-3 vcex-isotope-entry vcex-no-margin-entry post-24326 entry type-portfolio has-media cat-76 translation_priority-15\"><div class=\"portfolio-entry-inner entry-inner wpex-clr\"><div class=\"portfolio-entry-media entry-media wpex-clr\"><a href=\"https:\/\/www.garciafaura.com\/wp-content\/uploads\/2019\/10\/Promocio\u0301-realia-Sant-Joan-Despi\u0301-01.jpg\" title=\"Onze Setembre Promotion Sant Joan Desp\u00ed\" class=\"portfolio-entry-media-link wpex-lightbox\"><img loading=\"lazy\" decoding=\"async\" data-no-lazy=\"1\" class=\"portfolio-entry-img skip-lazy\" src=\"https:\/\/www.garciafaura.com\/wp-content\/uploads\/2019\/10\/Promocio\u0301-realia-Sant-Joan-Despi\u0301-01-600x314.jpg\" alt=\"Realia Sant Joan Desp\u00ed Garcia Faura\" data-no-retina width=\"600\" height=\"314\" \/><\/a><\/div><div class=\"portfolio-entry-details entry-details wpex-clr\"><h2 class=\"portfolio-entry-title entry-title\"><a href=\"https:\/\/www.garciafaura.com\/en\/portfolio-item\/onze-setembre-promotion-sant-joan-despi\/\" title=\"Onze Setembre Promotion Sant Joan Desp\u00ed\">Onze Setembre Promotion Sant Joan Desp\u00ed<\/a><\/h2><div class=\"portfolio-entry-categories entry-categories wpex-clr\"><a href=\"https:\/\/www.garciafaura.com\/en\/portfolio-category\/residential-complexes\/\" class=\"term-76\">Residential complexes<\/a><\/div><\/div><\/div><\/div><div class=\"portfolio-entry vcex-grid-item entry-has-details span_1_of_3 col col-1 vcex-isotope-entry vcex-no-margin-entry post-24303 entry type-portfolio has-media cat-76 translation_priority-15\"><div class=\"portfolio-entry-inner entry-inner wpex-clr\"><div class=\"portfolio-entry-media entry-media wpex-clr\"><a href=\"https:\/\/www.garciafaura.com\/wp-content\/uploads\/2019\/10\/Promocio-Jardins-del-Forum-01.jpg\" title=\"Jardins del F\u00f2rum Promotion\" class=\"portfolio-entry-media-link wpex-lightbox-gallery\" data-gallery=\"[{&quot;src&quot;:&quot;https:\\\/\\\/www.garciafaura.com\\\/wp-content\\\/uploads\\\/2019\\\/10\\\/Promocio-Jardins-del-Forum-01.jpg&quot;},{&quot;src&quot;:&quot;https:\\\/\\\/www.garciafaura.com\\\/wp-content\\\/uploads\\\/2019\\\/10\\\/Promocio-Jardins-del-Forum-09.jpg&quot;},{&quot;src&quot;:&quot;https:\\\/\\\/www.garciafaura.com\\\/wp-content\\\/uploads\\\/2019\\\/10\\\/Promocio-Jardins-del-Forum-08.jpg&quot;},{&quot;src&quot;:&quot;https:\\\/\\\/www.garciafaura.com\\\/wp-content\\\/uploads\\\/2019\\\/10\\\/Promocio-Jardins-del-Forum-07.jpg&quot;},{&quot;src&quot;:&quot;https:\\\/\\\/www.garciafaura.com\\\/wp-content\\\/uploads\\\/2019\\\/10\\\/Promocio-Jardins-del-Forum-06.jpg&quot;},{&quot;src&quot;:&quot;https:\\\/\\\/www.garciafaura.com\\\/wp-content\\\/uploads\\\/2019\\\/10\\\/Promocio-Jardins-del-Forum-05.jpg&quot;},{&quot;src&quot;:&quot;https:\\\/\\\/www.garciafaura.com\\\/wp-content\\\/uploads\\\/2019\\\/10\\\/Promocio-Jardins-del-Forum-04.jpg&quot;},{&quot;src&quot;:&quot;https:\\\/\\\/www.garciafaura.com\\\/wp-content\\\/uploads\\\/2019\\\/10\\\/Promocio-Jardins-del-Forum-03.jpg&quot;},{&quot;src&quot;:&quot;https:\\\/\\\/www.garciafaura.com\\\/wp-content\\\/uploads\\\/2019\\\/10\\\/Promocio-Jardins-del-Forum-02.jpg&quot;}]\"><img loading=\"lazy\" decoding=\"async\" data-no-lazy=\"1\" class=\"portfolio-entry-img skip-lazy\" src=\"https:\/\/www.garciafaura.com\/wp-content\/uploads\/2019\/10\/Promocio-Jardins-del-Forum-01-600x314.jpg\" alt='' data-no-retina width=\"600\" height=\"314\" \/><\/a><\/div><div class=\"portfolio-entry-details entry-details wpex-clr\"><h2 class=\"portfolio-entry-title entry-title\"><a href=\"https:\/\/www.garciafaura.com\/en\/portfolio-item\/jardins-del-forum-promotion\/\" title=\"Jardins del F\u00f2rum Promotion\">Jardins del F\u00f2rum Promotion<\/a><\/h2><div class=\"portfolio-entry-categories entry-categories wpex-clr\"><a href=\"https:\/\/www.garciafaura.com\/en\/portfolio-category\/residential-complexes\/\" class=\"term-76\">Residential complexes<\/a><\/div><\/div><\/div><\/div><div class=\"portfolio-entry vcex-grid-item entry-has-details span_1_of_3 col col-2 vcex-isotope-entry vcex-no-margin-entry post-24251 entry type-portfolio has-media cat-86 cat-76 translation_priority-15\"><div class=\"portfolio-entry-inner entry-inner wpex-clr\"><div class=\"portfolio-entry-media entry-media wpex-clr\"><a href=\"https:\/\/www.garciafaura.com\/wp-content\/uploads\/2019\/10\/13080-01.jpg\" title=\"Estronci Street Promotion\" class=\"portfolio-entry-media-link wpex-lightbox-gallery\" data-gallery=\"[{&quot;src&quot;:&quot;https:\\\/\\\/www.garciafaura.com\\\/wp-content\\\/uploads\\\/2019\\\/10\\\/13080-01.jpg&quot;,&quot;title&quot;:&quot;Development of facades and aluminum enclosures for a tower of 55 newly built homes in L&#039;Hospitalet de Llobregat (Barcelona).&quot;},{&quot;src&quot;:&quot;https:\\\/\\\/www.garciafaura.com\\\/wp-content\\\/uploads\\\/2019\\\/10\\\/13080-08.jpg&quot;,&quot;title&quot;:&quot;Development of facades and aluminum enclosures for a tower of 55 newly built homes in L&#039;Hospitalet de Llobregat (Barcelona).&quot;},{&quot;src&quot;:&quot;https:\\\/\\\/www.garciafaura.com\\\/wp-content\\\/uploads\\\/2019\\\/10\\\/13080-07.jpg&quot;,&quot;title&quot;:&quot;Development of facades and aluminum enclosures for a tower of 55 newly built homes in L&#039;Hospitalet de Llobregat (Barcelona).&quot;},{&quot;src&quot;:&quot;https:\\\/\\\/www.garciafaura.com\\\/wp-content\\\/uploads\\\/2019\\\/10\\\/13080-06.jpg&quot;,&quot;title&quot;:&quot;Development of facades and aluminum enclosures for a tower of 55 newly built homes in L&#039;Hospitalet de Llobregat (Barcelona).&quot;},{&quot;src&quot;:&quot;https:\\\/\\\/www.garciafaura.com\\\/wp-content\\\/uploads\\\/2019\\\/10\\\/13080-05.jpg&quot;,&quot;title&quot;:&quot;Development of facades and aluminum enclosures for a tower of 55 newly built homes in L&#039;Hospitalet de Llobregat (Barcelona).&quot;},{&quot;src&quot;:&quot;https:\\\/\\\/www.garciafaura.com\\\/wp-content\\\/uploads\\\/2019\\\/10\\\/13080-04.jpg&quot;,&quot;title&quot;:&quot;Development of facades and aluminum enclosures for a tower of 55 newly built homes in L&#039;Hospitalet de Llobregat (Barcelona).&quot;},{&quot;src&quot;:&quot;https:\\\/\\\/www.garciafaura.com\\\/wp-content\\\/uploads\\\/2019\\\/10\\\/13080-03.jpg&quot;,&quot;title&quot;:&quot;Development of facades and aluminum enclosures for a tower of 55 newly built homes in L&#039;Hospitalet de Llobregat (Barcelona).&quot;},{&quot;src&quot;:&quot;https:\\\/\\\/www.garciafaura.com\\\/wp-content\\\/uploads\\\/2019\\\/10\\\/13080-02.jpg&quot;,&quot;title&quot;:&quot;Development of facades and aluminum enclosures for a tower of 55 newly built homes in L&#039;Hospitalet de Llobregat (Barcelona).&quot;}]\"><img loading=\"lazy\" decoding=\"async\" data-no-lazy=\"1\" class=\"portfolio-entry-img skip-lazy\" src=\"https:\/\/www.garciafaura.com\/wp-content\/uploads\/2019\/10\/13080-01-600x314.jpg\" alt=\"Development Of Facades And Aluminum Enclosures For A Tower Of 55 Newly Built Homes In L'Hospitalet De Llobregat (Barcelona).\" data-no-retina width=\"600\" height=\"314\" \/><\/a><\/div><div class=\"portfolio-entry-details entry-details wpex-clr\"><h2 class=\"portfolio-entry-title entry-title\"><a href=\"https:\/\/www.garciafaura.com\/en\/portfolio-item\/estronci-street-promotion\/\" title=\"Estronci Street Promotion\">Estronci Street Promotion<\/a><\/h2><div class=\"portfolio-entry-categories entry-categories wpex-clr\"><a href=\"https:\/\/www.garciafaura.com\/en\/portfolio-category\/destacat-residential-complexes\/\" class=\"term-86\">Destacat residential complexes<\/a><\/div><\/div><\/div><\/div><div class=\"portfolio-entry vcex-grid-item entry-has-details span_1_of_3 col col-3 vcex-isotope-entry vcex-no-margin-entry post-23691 entry type-portfolio has-media cat-86 cat-76 translation_priority-15\"><div class=\"portfolio-entry-inner entry-inner wpex-clr\"><div class=\"portfolio-entry-media entry-media wpex-clr\"><a href=\"https:\/\/www.garciafaura.com\/wp-content\/uploads\/2019\/09\/Residencial-Volpelleres-01.jpg\" title=\"Volpelleres Residential\" class=\"portfolio-entry-media-link wpex-lightbox-gallery\" data-gallery=\"[{&quot;src&quot;:&quot;https:\\\/\\\/www.garciafaura.com\\\/wp-content\\\/uploads\\\/2019\\\/09\\\/Residencial-Volpelleres-01.jpg&quot;,&quot;title&quot;:&quot;Aluminum and glass enclosures of high technical features for residential complexes in Sant Cugat del Vall\\u00e8s (Barcelona)&quot;},{&quot;src&quot;:&quot;https:\\\/\\\/www.garciafaura.com\\\/wp-content\\\/uploads\\\/2019\\\/09\\\/Residencial-Volpelleres-08.jpg&quot;,&quot;title&quot;:&quot;Tancaments d&#039;alumini i vidre d&#039;altes prestacions t\\u00e8cniques per a conjunt residencial a Sant Cugat del Vall\\u00e8s&quot;},{&quot;src&quot;:&quot;https:\\\/\\\/www.garciafaura.com\\\/wp-content\\\/uploads\\\/2019\\\/09\\\/Residencial-Volpelleres-07.jpg&quot;,&quot;title&quot;:&quot;Tancaments d&#039;alumini i vidre d&#039;altes prestacions t\\u00e8cniques per a conjunt residencial a Sant Cugat del Vall\\u00e8s&quot;},{&quot;src&quot;:&quot;https:\\\/\\\/www.garciafaura.com\\\/wp-content\\\/uploads\\\/2019\\\/09\\\/Residencial-Volpelleres-06.jpg&quot;,&quot;title&quot;:&quot;Tancaments d&#039;alumini i vidre d&#039;altes prestacions t\\u00e8cniques per a conjunt residencial a Sant Cugat del Vall\\u00e8s&quot;},{&quot;src&quot;:&quot;https:\\\/\\\/www.garciafaura.com\\\/wp-content\\\/uploads\\\/2019\\\/09\\\/Residencial-Volpelleres-05.jpg&quot;,&quot;title&quot;:&quot;Tancaments d&#039;alumini i vidre d&#039;altes prestacions t\\u00e8cniques per a conjunt residencial a Sant Cugat del Vall\\u00e8s&quot;},{&quot;src&quot;:&quot;https:\\\/\\\/www.garciafaura.com\\\/wp-content\\\/uploads\\\/2019\\\/09\\\/Residencial-Volpelleres-04.jpg&quot;,&quot;title&quot;:&quot;Tancaments d&#039;alumini i vidre d&#039;altes prestacions t\\u00e8cniques per a conjunt residencial a Sant Cugat del Vall\\u00e8s&quot;},{&quot;src&quot;:&quot;https:\\\/\\\/www.garciafaura.com\\\/wp-content\\\/uploads\\\/2019\\\/09\\\/Residencial-Volpelleres-03.jpg&quot;,&quot;title&quot;:&quot;Tancaments d&#039;alumini i vidre d&#039;altes prestacions t\\u00e8cniques per a conjunt residencial a Sant Cugat del Vall\\u00e8s&quot;},{&quot;src&quot;:&quot;https:\\\/\\\/www.garciafaura.com\\\/wp-content\\\/uploads\\\/2019\\\/09\\\/Residencial-Volpelleres-02.jpg&quot;,&quot;title&quot;:&quot;Tancaments d&#039;alumini i vidre d&#039;altes prestacions t\\u00e8cniques per a conjunt residencial a Sant Cugat del Vall\\u00e8s&quot;}]\"><img loading=\"lazy\" decoding=\"async\" data-no-lazy=\"1\" class=\"portfolio-entry-img skip-lazy\" src=\"https:\/\/www.garciafaura.com\/wp-content\/uploads\/2019\/09\/Residencial-Volpelleres-01-600x314.jpg\" alt=\"Aluminum And Glass Enclosures Of High Technical Features For Residential Complexes In Sant Cugat Del Vall\u00e8s (Barcelona)\" data-no-retina width=\"600\" height=\"314\" \/><\/a><\/div><div class=\"portfolio-entry-details entry-details wpex-clr\"><h2 class=\"portfolio-entry-title entry-title\"><a href=\"https:\/\/www.garciafaura.com\/en\/portfolio-item\/volpelleres-residential\/\" title=\"Volpelleres Residential\">Volpelleres Residential<\/a><\/h2><div class=\"portfolio-entry-categories entry-categories wpex-clr\"><a href=\"https:\/\/www.garciafaura.com\/en\/portfolio-category\/destacat-residential-complexes\/\" class=\"term-86\">Destacat residential complexes<\/a><\/div><\/div><\/div><\/div><div class=\"portfolio-entry vcex-grid-item entry-has-details span_1_of_3 col col-1 vcex-isotope-entry vcex-no-margin-entry post-23407 entry type-portfolio has-media cat-88 cat-82 cat-86 cat-83 cat-80 cat-76 translation_priority-15\"><div class=\"portfolio-entry-inner entry-inner wpex-clr\"><div class=\"portfolio-entry-media entry-media wpex-clr\"><a href=\"https:\/\/www.garciafaura.com\/wp-content\/uploads\/2019\/09\/Torre-Vitrvm-01.jpg\" title=\"Tower Vitrvm\" class=\"portfolio-entry-media-link wpex-lightbox-gallery\" data-gallery=\"[{&quot;src&quot;:&quot;https:\\\/\\\/www.garciafaura.com\\\/wp-content\\\/uploads\\\/2019\\\/09\\\/Torre-Vitrvm-01.jpg&quot;},{&quot;src&quot;:&quot;https:\\\/\\\/www.garciafaura.com\\\/wp-content\\\/uploads\\\/2019\\\/09\\\/Torre-Vitrvm-16.jpg&quot;},{&quot;src&quot;:&quot;https:\\\/\\\/www.garciafaura.com\\\/wp-content\\\/uploads\\\/2019\\\/09\\\/Torre-Vitrvm-15.jpg&quot;},{&quot;src&quot;:&quot;https:\\\/\\\/www.garciafaura.com\\\/wp-content\\\/uploads\\\/2019\\\/09\\\/Torre-Vitrvm-14.jpg&quot;},{&quot;src&quot;:&quot;https:\\\/\\\/www.garciafaura.com\\\/wp-content\\\/uploads\\\/2019\\\/09\\\/Torre-Vitrvm-13.jpg&quot;},{&quot;src&quot;:&quot;https:\\\/\\\/www.garciafaura.com\\\/wp-content\\\/uploads\\\/2019\\\/09\\\/Torre-Vitrvm-12.jpg&quot;},{&quot;src&quot;:&quot;https:\\\/\\\/www.garciafaura.com\\\/wp-content\\\/uploads\\\/2019\\\/09\\\/Torre-Vitrvm-11.jpg&quot;},{&quot;src&quot;:&quot;https:\\\/\\\/www.garciafaura.com\\\/wp-content\\\/uploads\\\/2019\\\/09\\\/Torre-Vitrvm-10.jpg&quot;},{&quot;src&quot;:&quot;https:\\\/\\\/www.garciafaura.com\\\/wp-content\\\/uploads\\\/2019\\\/09\\\/Torre-Vitrvm-09.jpg&quot;},{&quot;src&quot;:&quot;https:\\\/\\\/www.garciafaura.com\\\/wp-content\\\/uploads\\\/2019\\\/09\\\/Torre-Vitrvm-08.jpg&quot;},{&quot;src&quot;:&quot;https:\\\/\\\/www.garciafaura.com\\\/wp-content\\\/uploads\\\/2019\\\/09\\\/Torre-Vitrvm-07.jpg&quot;},{&quot;src&quot;:&quot;https:\\\/\\\/www.garciafaura.com\\\/wp-content\\\/uploads\\\/2019\\\/09\\\/Torre-Vitrvm-06.jpg&quot;},{&quot;src&quot;:&quot;https:\\\/\\\/www.garciafaura.com\\\/wp-content\\\/uploads\\\/2019\\\/09\\\/Torre-Vitrvm-05.jpg&quot;},{&quot;src&quot;:&quot;https:\\\/\\\/www.garciafaura.com\\\/wp-content\\\/uploads\\\/2019\\\/09\\\/Torre-Vitrvm-04.jpg&quot;},{&quot;src&quot;:&quot;https:\\\/\\\/www.garciafaura.com\\\/wp-content\\\/uploads\\\/2019\\\/09\\\/Torre-Vitrvm-03.jpg&quot;},{&quot;src&quot;:&quot;https:\\\/\\\/www.garciafaura.com\\\/wp-content\\\/uploads\\\/2019\\\/09\\\/Torre-Vitrvm-02.jpg&quot;}]\"><img loading=\"lazy\" decoding=\"async\" data-no-lazy=\"1\" class=\"portfolio-entry-img skip-lazy\" src=\"https:\/\/www.garciafaura.com\/wp-content\/uploads\/2019\/09\/Torre-Vitrvm-01-600x314.jpg\" alt='' data-no-retina width=\"600\" height=\"314\" \/><\/a><\/div><div class=\"portfolio-entry-details entry-details wpex-clr\"><h2 class=\"portfolio-entry-title entry-title\"><a href=\"https:\/\/www.garciafaura.com\/en\/portfolio-item\/torre-vitrvm\/\" title=\"Tower Vitrvm\">Tower Vitrvm<\/a><\/h2><div class=\"portfolio-entry-categories entry-categories wpex-clr\"><a href=\"https:\/\/www.garciafaura.com\/en\/portfolio-category\/destacat-facades\/\" class=\"term-88\">Destacat facades<\/a><\/div><\/div><\/div><\/div><div class=\"portfolio-entry vcex-grid-item entry-has-details span_1_of_3 col col-2 vcex-isotope-entry vcex-no-margin-entry post-23253 entry type-portfolio has-media cat-89 cat-76 translation_priority-15\"><div class=\"portfolio-entry-inner entry-inner wpex-clr\"><div class=\"portfolio-entry-media entry-media wpex-clr\"><a href=\"https:\/\/www.garciafaura.com\/wp-content\/uploads\/2019\/09\/Rehabilitacio\u0301-Edifici-Hospitalet-01.jpg\" title=\"Building rehabilitation in L&#8217;Hospitalet\" class=\"portfolio-entry-media-link wpex-lightbox-gallery\" data-gallery=\"[{&quot;src&quot;:&quot;https:\\\/\\\/www.garciafaura.com\\\/wp-content\\\/uploads\\\/2019\\\/09\\\/Rehabilitacio\\u0301-Edifici-Hospitalet-01.jpg&quot;,&quot;title&quot;:&quot;Rehabilitacio\\u0301 Edifici Hospitalet&quot;},{&quot;src&quot;:&quot;https:\\\/\\\/www.garciafaura.com\\\/wp-content\\\/uploads\\\/2019\\\/09\\\/Rehabilitacio\\u0301-Edifici-Hospitalet-07.jpg&quot;,&quot;title&quot;:&quot;Rehabilitacio\\u0301n Edifici Hospitalet&quot;},{&quot;src&quot;:&quot;https:\\\/\\\/www.garciafaura.com\\\/wp-content\\\/uploads\\\/2019\\\/09\\\/Rehabilitacio\\u0301-Edifici-Hospitalet-06.jpg&quot;,&quot;title&quot;:&quot;Rehabilitacio\\u0301n Edifici Hospitalet&quot;},{&quot;src&quot;:&quot;https:\\\/\\\/www.garciafaura.com\\\/wp-content\\\/uploads\\\/2019\\\/09\\\/Rehabilitacio\\u0301-Edifici-Hospitalet-05.jpg&quot;,&quot;title&quot;:&quot;Rehabilitacio\\u0301n Edifici Hospitalet&quot;},{&quot;src&quot;:&quot;https:\\\/\\\/www.garciafaura.com\\\/wp-content\\\/uploads\\\/2019\\\/09\\\/Rehabilitacio\\u0301-Edifici-Hospitalet-04.jpg&quot;,&quot;title&quot;:&quot;Rehabilitacio\\u0301n Edifici Hospitalet&quot;},{&quot;src&quot;:&quot;https:\\\/\\\/www.garciafaura.com\\\/wp-content\\\/uploads\\\/2019\\\/09\\\/Rehabilitacio\\u0301-Edifici-Hospitalet-03.jpg&quot;,&quot;title&quot;:&quot;Rehabilitacio\\u0301n Edifici Hospitalet&quot;},{&quot;src&quot;:&quot;https:\\\/\\\/www.garciafaura.com\\\/wp-content\\\/uploads\\\/2019\\\/09\\\/Rehabilitacio\\u0301-Edifici-Hospitalet-02.jpg&quot;,&quot;title&quot;:&quot;Rehabilitacio\\u0301n Edifici Hospitalet&quot;}]\"><img loading=\"lazy\" decoding=\"async\" data-no-lazy=\"1\" class=\"portfolio-entry-img skip-lazy\" src=\"https:\/\/www.garciafaura.com\/wp-content\/uploads\/2019\/09\/Rehabilitacio\u0301-Edifici-Hospitalet-01-600x314.jpg\" alt=\"Rehabilitacio\u0301 Edifici Hospitalet\" data-no-retina width=\"600\" height=\"314\" \/><\/a><\/div><div class=\"portfolio-entry-details entry-details wpex-clr\"><h2 class=\"portfolio-entry-title entry-title\"><a href=\"https:\/\/www.garciafaura.com\/en\/portfolio-item\/building-rehabilitation-in-lhospitalet\/\" title=\"Building rehabilitation in L&#8217;Hospitalet\">Building rehabilitation in L&#8217;Hospitalet<\/a><\/h2><div class=\"portfolio-entry-categories entry-categories wpex-clr\"><a href=\"https:\/\/www.garciafaura.com\/en\/portfolio-category\/destacat-renovation\/\" class=\"term-89\">Destacat renovation<\/a><\/div><\/div><\/div><\/div><div class=\"portfolio-entry vcex-grid-item entry-has-details span_1_of_3 col col-3 vcex-isotope-entry vcex-no-margin-entry post-23231 entry type-portfolio has-media cat-86 cat-76 translation_priority-15\"><div class=\"portfolio-entry-inner entry-inner wpex-clr\"><div class=\"portfolio-entry-media entry-media wpex-clr\"><a href=\"https:\/\/www.garciafaura.com\/wp-content\/uploads\/2019\/09\/Can-Trabal-01.jpg\" title=\"Can Trabal Residential\" class=\"portfolio-entry-media-link wpex-lightbox-gallery\" data-gallery=\"[{&quot;src&quot;:&quot;https:\\\/\\\/www.garciafaura.com\\\/wp-content\\\/uploads\\\/2019\\\/09\\\/Can-Trabal-01.jpg&quot;,&quot;title&quot;:&quot;Resid\\u00e8ncia Can Trabal&quot;},{&quot;src&quot;:&quot;https:\\\/\\\/www.garciafaura.com\\\/wp-content\\\/uploads\\\/2019\\\/09\\\/Can-Trabal-16.jpg&quot;,&quot;title&quot;:&quot;Resid\\u00e8ncia Can Trabal&quot;},{&quot;src&quot;:&quot;https:\\\/\\\/www.garciafaura.com\\\/wp-content\\\/uploads\\\/2019\\\/09\\\/Can-Trabal-15.jpg&quot;,&quot;title&quot;:&quot;Resid\\u00e8ncia Can Trabal&quot;},{&quot;src&quot;:&quot;https:\\\/\\\/www.garciafaura.com\\\/wp-content\\\/uploads\\\/2019\\\/09\\\/Can-Trabal-14.jpg&quot;,&quot;title&quot;:&quot;Resid\\u00e8ncia Can Trabal&quot;},{&quot;src&quot;:&quot;https:\\\/\\\/www.garciafaura.com\\\/wp-content\\\/uploads\\\/2019\\\/09\\\/Can-Trabal-13.jpg&quot;,&quot;title&quot;:&quot;Resid\\u00e8ncia Can Trabal&quot;},{&quot;src&quot;:&quot;https:\\\/\\\/www.garciafaura.com\\\/wp-content\\\/uploads\\\/2019\\\/09\\\/Can-Trabal-12.jpg&quot;,&quot;title&quot;:&quot;Resid\\u00e8ncia Can Trabal&quot;},{&quot;src&quot;:&quot;https:\\\/\\\/www.garciafaura.com\\\/wp-content\\\/uploads\\\/2019\\\/09\\\/Can-Trabal-11.jpg&quot;,&quot;title&quot;:&quot;Resid\\u00e8ncia Can Trabal&quot;},{&quot;src&quot;:&quot;https:\\\/\\\/www.garciafaura.com\\\/wp-content\\\/uploads\\\/2019\\\/09\\\/Can-Trabal-10.jpg&quot;,&quot;title&quot;:&quot;Resid\\u00e8ncia Can Trabal&quot;},{&quot;src&quot;:&quot;https:\\\/\\\/www.garciafaura.com\\\/wp-content\\\/uploads\\\/2019\\\/09\\\/Can-Trabal-09.jpg&quot;,&quot;title&quot;:&quot;Resid\\u00e8ncia Can Trabal&quot;},{&quot;src&quot;:&quot;https:\\\/\\\/www.garciafaura.com\\\/wp-content\\\/uploads\\\/2019\\\/09\\\/Can-Trabal-08.jpg&quot;,&quot;title&quot;:&quot;Resid\\u00e8ncia Can Trabal&quot;},{&quot;src&quot;:&quot;https:\\\/\\\/www.garciafaura.com\\\/wp-content\\\/uploads\\\/2019\\\/09\\\/Can-Trabal-07.jpg&quot;,&quot;title&quot;:&quot;Resid\\u00e8ncia Can Trabal&quot;},{&quot;src&quot;:&quot;https:\\\/\\\/www.garciafaura.com\\\/wp-content\\\/uploads\\\/2019\\\/09\\\/Can-Trabal-06.jpg&quot;,&quot;title&quot;:&quot;Resid\\u00e8ncia Can Trabal&quot;},{&quot;src&quot;:&quot;https:\\\/\\\/www.garciafaura.com\\\/wp-content\\\/uploads\\\/2019\\\/09\\\/Can-Trabal-05.jpg&quot;,&quot;title&quot;:&quot;Resid\\u00e8ncia Can Trabal&quot;},{&quot;src&quot;:&quot;https:\\\/\\\/www.garciafaura.com\\\/wp-content\\\/uploads\\\/2019\\\/09\\\/Can-Trabal-04.jpg&quot;,&quot;title&quot;:&quot;Resid\\u00e8ncia Can Trabal&quot;},{&quot;src&quot;:&quot;https:\\\/\\\/www.garciafaura.com\\\/wp-content\\\/uploads\\\/2019\\\/09\\\/Can-Trabal-03.jpg&quot;,&quot;title&quot;:&quot;Resid\\u00e8ncia Can Trabal&quot;},{&quot;src&quot;:&quot;https:\\\/\\\/www.garciafaura.com\\\/wp-content\\\/uploads\\\/2019\\\/09\\\/Can-Trabal-02.jpg&quot;,&quot;title&quot;:&quot;Resid\\u00e8ncia Can Trabal&quot;}]\"><img loading=\"lazy\" decoding=\"async\" data-no-lazy=\"1\" class=\"portfolio-entry-img skip-lazy\" src=\"https:\/\/www.garciafaura.com\/wp-content\/uploads\/2019\/09\/Can-Trabal-01-600x314.jpg\" alt=\"Resid\u00e8ncia Can Trabal\" data-no-retina width=\"600\" height=\"314\" \/><\/a><\/div><div class=\"portfolio-entry-details entry-details wpex-clr\"><h2 class=\"portfolio-entry-title entry-title\"><a href=\"https:\/\/www.garciafaura.com\/en\/portfolio-item\/can-trabal-residential\/\" title=\"Can Trabal Residential\">Can Trabal Residential<\/a><\/h2><div class=\"portfolio-entry-categories entry-categories wpex-clr\"><a href=\"https:\/\/www.garciafaura.com\/en\/portfolio-category\/destacat-residential-complexes\/\" class=\"term-86\">Destacat residential complexes<\/a><\/div><\/div><\/div><\/div><div class=\"portfolio-entry vcex-grid-item entry-has-details span_1_of_3 col col-1 vcex-isotope-entry vcex-no-margin-entry post-23193 entry type-portfolio has-media cat-76 translation_priority-15\"><div class=\"portfolio-entry-inner entry-inner wpex-clr\"><div class=\"portfolio-entry-media entry-media wpex-clr\"><a href=\"https:\/\/www.garciafaura.com\/wp-content\/uploads\/2019\/09\/Habitatges-IMPSOL-Sant-Boi-01.jpg\" title=\"Impsol Sant Boi\" class=\"portfolio-entry-media-link wpex-lightbox-gallery\" data-gallery=\"[{&quot;src&quot;:&quot;https:\\\/\\\/www.garciafaura.com\\\/wp-content\\\/uploads\\\/2019\\\/09\\\/Habitatges-IMPSOL-Sant-Boi-01.jpg&quot;},{&quot;src&quot;:&quot;https:\\\/\\\/www.garciafaura.com\\\/wp-content\\\/uploads\\\/2019\\\/09\\\/Habitatges-IMPSOL-Sant-Boi-12.jpg&quot;},{&quot;src&quot;:&quot;https:\\\/\\\/www.garciafaura.com\\\/wp-content\\\/uploads\\\/2019\\\/09\\\/Habitatges-IMPSOL-Sant-Boi-11.jpg&quot;},{&quot;src&quot;:&quot;https:\\\/\\\/www.garciafaura.com\\\/wp-content\\\/uploads\\\/2019\\\/09\\\/Habitatges-IMPSOL-Sant-Boi-10.jpg&quot;},{&quot;src&quot;:&quot;https:\\\/\\\/www.garciafaura.com\\\/wp-content\\\/uploads\\\/2019\\\/09\\\/Habitatges-IMPSOL-Sant-Boi-09.jpg&quot;},{&quot;src&quot;:&quot;https:\\\/\\\/www.garciafaura.com\\\/wp-content\\\/uploads\\\/2019\\\/09\\\/Habitatges-IMPSOL-Sant-Boi-08.jpg&quot;},{&quot;src&quot;:&quot;https:\\\/\\\/www.garciafaura.com\\\/wp-content\\\/uploads\\\/2019\\\/09\\\/Habitatges-IMPSOL-Sant-Boi-07.jpg&quot;},{&quot;src&quot;:&quot;https:\\\/\\\/www.garciafaura.com\\\/wp-content\\\/uploads\\\/2019\\\/09\\\/Habitatges-IMPSOL-Sant-Boi-06.jpg&quot;},{&quot;src&quot;:&quot;https:\\\/\\\/www.garciafaura.com\\\/wp-content\\\/uploads\\\/2019\\\/09\\\/Habitatges-IMPSOL-Sant-Boi-05.jpg&quot;},{&quot;src&quot;:&quot;https:\\\/\\\/www.garciafaura.com\\\/wp-content\\\/uploads\\\/2019\\\/09\\\/Habitatges-IMPSOL-Sant-Boi-04.jpg&quot;},{&quot;src&quot;:&quot;https:\\\/\\\/www.garciafaura.com\\\/wp-content\\\/uploads\\\/2019\\\/09\\\/Habitatges-IMPSOL-Sant-Boi-03.jpg&quot;},{&quot;src&quot;:&quot;https:\\\/\\\/www.garciafaura.com\\\/wp-content\\\/uploads\\\/2019\\\/09\\\/Habitatges-IMPSOL-Sant-Boi-02.jpg&quot;}]\"><img loading=\"lazy\" decoding=\"async\" data-no-lazy=\"1\" class=\"portfolio-entry-img skip-lazy\" src=\"https:\/\/www.garciafaura.com\/wp-content\/uploads\/2019\/09\/Habitatges-IMPSOL-Sant-Boi-01-600x314.jpg\" alt='' data-no-retina width=\"600\" height=\"314\" \/><\/a><\/div><div class=\"portfolio-entry-details entry-details wpex-clr\"><h2 class=\"portfolio-entry-title entry-title\"><a href=\"https:\/\/www.garciafaura.com\/en\/portfolio-item\/impsol-sant-boi\/\" title=\"Impsol Sant Boi\">Impsol Sant Boi<\/a><\/h2><div class=\"portfolio-entry-categories entry-categories wpex-clr\"><a href=\"https:\/\/www.garciafaura.com\/en\/portfolio-category\/residential-complexes\/\" class=\"term-76\">Residential complexes<\/a><\/div><\/div><\/div><\/div><div class=\"portfolio-entry vcex-grid-item entry-has-details span_1_of_3 col col-2 vcex-isotope-entry vcex-no-margin-entry post-23178 entry type-portfolio has-media cat-86 cat-76 translation_priority-15\"><div class=\"portfolio-entry-inner entry-inner wpex-clr\"><div class=\"portfolio-entry-media entry-media wpex-clr\"><a href=\"https:\/\/www.garciafaura.com\/wp-content\/uploads\/2019\/09\/Residencial-U\u0301nic-Badalona-01.jpg\" title=\"Residential \u00danic Badalona\" class=\"portfolio-entry-media-link wpex-lightbox-gallery\" data-gallery=\"[{&quot;src&quot;:&quot;https:\\\/\\\/www.garciafaura.com\\\/wp-content\\\/uploads\\\/2019\\\/09\\\/Residencial-U\\u0301nic-Badalona-01.jpg&quot;},{&quot;src&quot;:&quot;https:\\\/\\\/www.garciafaura.com\\\/wp-content\\\/uploads\\\/2019\\\/09\\\/Residencial-U\\u0301nic-Badalona-13.jpg&quot;},{&quot;src&quot;:&quot;https:\\\/\\\/www.garciafaura.com\\\/wp-content\\\/uploads\\\/2019\\\/09\\\/Residencial-U\\u0301nic-Badalona-12.jpg&quot;},{&quot;src&quot;:&quot;https:\\\/\\\/www.garciafaura.com\\\/wp-content\\\/uploads\\\/2019\\\/09\\\/Residencial-U\\u0301nic-Badalona-11.jpg&quot;},{&quot;src&quot;:&quot;https:\\\/\\\/www.garciafaura.com\\\/wp-content\\\/uploads\\\/2019\\\/09\\\/Residencial-U\\u0301nic-Badalona-10.jpg&quot;},{&quot;src&quot;:&quot;https:\\\/\\\/www.garciafaura.com\\\/wp-content\\\/uploads\\\/2019\\\/09\\\/Residencial-U\\u0301nic-Badalona-09.jpg&quot;},{&quot;src&quot;:&quot;https:\\\/\\\/www.garciafaura.com\\\/wp-content\\\/uploads\\\/2019\\\/09\\\/Residencial-U\\u0301nic-Badalona-08.jpg&quot;},{&quot;src&quot;:&quot;https:\\\/\\\/www.garciafaura.com\\\/wp-content\\\/uploads\\\/2019\\\/09\\\/Residencial-U\\u0301nic-Badalona-07.jpg&quot;},{&quot;src&quot;:&quot;https:\\\/\\\/www.garciafaura.com\\\/wp-content\\\/uploads\\\/2019\\\/09\\\/Residencial-U\\u0301nic-Badalona-06.jpg&quot;},{&quot;src&quot;:&quot;https:\\\/\\\/www.garciafaura.com\\\/wp-content\\\/uploads\\\/2019\\\/09\\\/Residencial-U\\u0301nic-Badalona-05.jpg&quot;},{&quot;src&quot;:&quot;https:\\\/\\\/www.garciafaura.com\\\/wp-content\\\/uploads\\\/2019\\\/09\\\/Residencial-U\\u0301nic-Badalona-04.jpg&quot;},{&quot;src&quot;:&quot;https:\\\/\\\/www.garciafaura.com\\\/wp-content\\\/uploads\\\/2019\\\/09\\\/Residencial-U\\u0301nic-Badalona-03.jpg&quot;},{&quot;src&quot;:&quot;https:\\\/\\\/www.garciafaura.com\\\/wp-content\\\/uploads\\\/2019\\\/09\\\/Residencial-U\\u0301nic-Badalona-02.jpg&quot;}]\"><img loading=\"lazy\" decoding=\"async\" data-no-lazy=\"1\" class=\"portfolio-entry-img skip-lazy\" src=\"https:\/\/www.garciafaura.com\/wp-content\/uploads\/2019\/09\/Residencial-U\u0301nic-Badalona-01-600x314.jpg\" alt='' data-no-retina width=\"600\" height=\"314\" \/><\/a><\/div><div class=\"portfolio-entry-details entry-details wpex-clr\"><h2 class=\"portfolio-entry-title entry-title\"><a href=\"https:\/\/www.garciafaura.com\/en\/portfolio-item\/residential-unic-badalona\/\" title=\"Residential \u00danic Badalona\">Residential \u00danic Badalona<\/a><\/h2><div class=\"portfolio-entry-categories entry-categories wpex-clr\"><a href=\"https:\/\/www.garciafaura.com\/en\/portfolio-category\/destacat-residential-complexes\/\" class=\"term-86\">Destacat residential complexes<\/a><\/div><\/div><\/div><\/div><div class=\"portfolio-entry vcex-grid-item entry-has-details span_1_of_3 col col-3 vcex-isotope-entry vcex-no-margin-entry post-23164 entry type-portfolio has-media cat-76 translation_priority-15\"><div class=\"portfolio-entry-inner entry-inner wpex-clr\"><div class=\"portfolio-entry-media entry-media wpex-clr\"><a href=\"https:\/\/www.garciafaura.com\/wp-content\/uploads\/2019\/09\/Promocio\u0301-Casernes-Sant-Andreu-01.jpg\" title=\"Casernes Sant Andreu Promotion\" class=\"portfolio-entry-media-link wpex-lightbox-gallery\" data-gallery=\"[{&quot;src&quot;:&quot;https:\\\/\\\/www.garciafaura.com\\\/wp-content\\\/uploads\\\/2019\\\/09\\\/Promocio\\u0301-Casernes-Sant-Andreu-01.jpg&quot;},{&quot;src&quot;:&quot;https:\\\/\\\/www.garciafaura.com\\\/wp-content\\\/uploads\\\/2019\\\/09\\\/Promocio\\u0301-Casernes-Sant-Andreu-10.jpg&quot;},{&quot;src&quot;:&quot;https:\\\/\\\/www.garciafaura.com\\\/wp-content\\\/uploads\\\/2019\\\/09\\\/Promocio\\u0301-Casernes-Sant-Andreu-09.jpg&quot;},{&quot;src&quot;:&quot;https:\\\/\\\/www.garciafaura.com\\\/wp-content\\\/uploads\\\/2019\\\/09\\\/Promocio\\u0301-Casernes-Sant-Andreu-08.jpg&quot;},{&quot;src&quot;:&quot;https:\\\/\\\/www.garciafaura.com\\\/wp-content\\\/uploads\\\/2019\\\/09\\\/Promocio\\u0301-Casernes-Sant-Andreu-07.jpg&quot;},{&quot;src&quot;:&quot;https:\\\/\\\/www.garciafaura.com\\\/wp-content\\\/uploads\\\/2019\\\/09\\\/Promocio\\u0301-Casernes-Sant-Andreu-06.jpg&quot;},{&quot;src&quot;:&quot;https:\\\/\\\/www.garciafaura.com\\\/wp-content\\\/uploads\\\/2019\\\/09\\\/Promocio\\u0301-Casernes-Sant-Andreu-05.jpg&quot;},{&quot;src&quot;:&quot;https:\\\/\\\/www.garciafaura.com\\\/wp-content\\\/uploads\\\/2019\\\/09\\\/Promocio\\u0301-Casernes-Sant-Andreu-04.jpg&quot;},{&quot;src&quot;:&quot;https:\\\/\\\/www.garciafaura.com\\\/wp-content\\\/uploads\\\/2019\\\/09\\\/Promocio\\u0301-Casernes-Sant-Andreu-03.jpg&quot;},{&quot;src&quot;:&quot;https:\\\/\\\/www.garciafaura.com\\\/wp-content\\\/uploads\\\/2019\\\/09\\\/Promocio\\u0301-Casernes-Sant-Andreu-02.jpg&quot;}]\"><img loading=\"lazy\" decoding=\"async\" data-no-lazy=\"1\" class=\"portfolio-entry-img skip-lazy\" src=\"https:\/\/www.garciafaura.com\/wp-content\/uploads\/2019\/09\/Promocio\u0301-Casernes-Sant-Andreu-01-600x314.jpg\" alt='' data-no-retina width=\"600\" height=\"314\" \/><\/a><\/div><div class=\"portfolio-entry-details entry-details wpex-clr\"><h2 class=\"portfolio-entry-title entry-title\"><a href=\"https:\/\/www.garciafaura.com\/en\/portfolio-item\/casernes-sant-andreu-promotion\/\" title=\"Casernes Sant Andreu Promotion\">Casernes Sant Andreu Promotion<\/a><\/h2><div class=\"portfolio-entry-categories entry-categories wpex-clr\"><a href=\"https:\/\/www.garciafaura.com\/en\/portfolio-category\/residential-complexes\/\" class=\"term-76\">Residential complexes<\/a><\/div><\/div><\/div><\/div><div class=\"portfolio-entry vcex-grid-item entry-has-details span_1_of_3 col col-1 vcex-isotope-entry vcex-no-margin-entry post-23066 entry type-portfolio has-media cat-76 translation_priority-15\"><div class=\"portfolio-entry-inner entry-inner wpex-clr\"><div class=\"portfolio-entry-media entry-media wpex-clr\"><a href=\"https:\/\/www.garciafaura.com\/wp-content\/uploads\/2019\/09\/Promocio\u0301-Solvia-Sant-Cugat-08.jpg\" title=\"Solvia Sant Cugat Promotion\" class=\"portfolio-entry-media-link wpex-lightbox-gallery\" data-gallery=\"[{&quot;src&quot;:&quot;https:\\\/\\\/www.garciafaura.com\\\/wp-content\\\/uploads\\\/2019\\\/09\\\/Promocio\\u0301-Solvia-Sant-Cugat-08.jpg&quot;},{&quot;src&quot;:&quot;https:\\\/\\\/www.garciafaura.com\\\/wp-content\\\/uploads\\\/2019\\\/09\\\/Promocio\\u0301-Solvia-Sant-Cugat-01.jpg&quot;},{&quot;src&quot;:&quot;https:\\\/\\\/www.garciafaura.com\\\/wp-content\\\/uploads\\\/2019\\\/09\\\/Promocio\\u0301-Solvia-Sant-Cugat-12.jpg&quot;},{&quot;src&quot;:&quot;https:\\\/\\\/www.garciafaura.com\\\/wp-content\\\/uploads\\\/2019\\\/09\\\/Promocio\\u0301-Solvia-Sant-Cugat-11.jpg&quot;},{&quot;src&quot;:&quot;https:\\\/\\\/www.garciafaura.com\\\/wp-content\\\/uploads\\\/2019\\\/09\\\/Promocio\\u0301-Solvia-Sant-Cugat-10.jpg&quot;},{&quot;src&quot;:&quot;https:\\\/\\\/www.garciafaura.com\\\/wp-content\\\/uploads\\\/2019\\\/09\\\/Promocio\\u0301-Solvia-Sant-Cugat-09.jpg&quot;},{&quot;src&quot;:&quot;https:\\\/\\\/www.garciafaura.com\\\/wp-content\\\/uploads\\\/2019\\\/09\\\/Promocio\\u0301-Solvia-Sant-Cugat-07.jpg&quot;},{&quot;src&quot;:&quot;https:\\\/\\\/www.garciafaura.com\\\/wp-content\\\/uploads\\\/2019\\\/09\\\/Promocio\\u0301-Solvia-Sant-Cugat-06.jpg&quot;},{&quot;src&quot;:&quot;https:\\\/\\\/www.garciafaura.com\\\/wp-content\\\/uploads\\\/2019\\\/09\\\/Promocio\\u0301-Solvia-Sant-Cugat-05.jpg&quot;},{&quot;src&quot;:&quot;https:\\\/\\\/www.garciafaura.com\\\/wp-content\\\/uploads\\\/2019\\\/09\\\/Promocio\\u0301-Solvia-Sant-Cugat-04.jpg&quot;},{&quot;src&quot;:&quot;https:\\\/\\\/www.garciafaura.com\\\/wp-content\\\/uploads\\\/2019\\\/09\\\/Promocio\\u0301-Solvia-Sant-Cugat-03.jpg&quot;},{&quot;src&quot;:&quot;https:\\\/\\\/www.garciafaura.com\\\/wp-content\\\/uploads\\\/2019\\\/09\\\/Promocio\\u0301-Solvia-Sant-Cugat-02.jpg&quot;}]\"><img loading=\"lazy\" decoding=\"async\" data-no-lazy=\"1\" class=\"portfolio-entry-img skip-lazy\" src=\"https:\/\/www.garciafaura.com\/wp-content\/uploads\/2019\/09\/Promocio\u0301-Solvia-Sant-Cugat-08-600x314.jpg\" alt='' data-no-retina width=\"600\" height=\"314\" \/><\/a><\/div><div class=\"portfolio-entry-details entry-details wpex-clr\"><h2 class=\"portfolio-entry-title entry-title\"><a href=\"https:\/\/www.garciafaura.com\/en\/portfolio-item\/crecca-volpelleres-promotion\/\" title=\"Solvia Sant Cugat Promotion\">Solvia Sant Cugat Promotion<\/a><\/h2><div class=\"portfolio-entry-categories entry-categories wpex-clr\"><a href=\"https:\/\/www.garciafaura.com\/en\/portfolio-category\/residential-complexes\/\" class=\"term-76\">Residential complexes<\/a><\/div><\/div><\/div><\/div><div class=\"portfolio-entry vcex-grid-item entry-has-details span_1_of_3 col col-2 vcex-isotope-entry vcex-no-margin-entry post-23031 entry type-portfolio has-media cat-76 translation_priority-15\"><div class=\"portfolio-entry-inner entry-inner wpex-clr\"><div class=\"portfolio-entry-media entry-media wpex-clr\"><a href=\"https:\/\/www.garciafaura.com\/wp-content\/uploads\/2019\/09\/Promocio\u0301-Marina-Park-01.jpg\" title=\"Marina Park Promotion\" class=\"portfolio-entry-media-link wpex-lightbox-gallery\" data-gallery=\"[{&quot;src&quot;:&quot;https:\\\/\\\/www.garciafaura.com\\\/wp-content\\\/uploads\\\/2019\\\/09\\\/Promocio\\u0301-Marina-Park-01.jpg&quot;},{&quot;src&quot;:&quot;https:\\\/\\\/www.garciafaura.com\\\/wp-content\\\/uploads\\\/2019\\\/09\\\/Promocio\\u0301-Marina-Park-23.jpg&quot;},{&quot;src&quot;:&quot;https:\\\/\\\/www.garciafaura.com\\\/wp-content\\\/uploads\\\/2019\\\/09\\\/Promocio\\u0301-Marina-Park-22.jpg&quot;},{&quot;src&quot;:&quot;https:\\\/\\\/www.garciafaura.com\\\/wp-content\\\/uploads\\\/2019\\\/09\\\/Promocio\\u0301-Marina-Park-21.jpg&quot;},{&quot;src&quot;:&quot;https:\\\/\\\/www.garciafaura.com\\\/wp-content\\\/uploads\\\/2019\\\/09\\\/Promocio\\u0301-Marina-Park-20.jpg&quot;},{&quot;src&quot;:&quot;https:\\\/\\\/www.garciafaura.com\\\/wp-content\\\/uploads\\\/2019\\\/09\\\/Promocio\\u0301-Marina-Park-19.jpg&quot;},{&quot;src&quot;:&quot;https:\\\/\\\/www.garciafaura.com\\\/wp-content\\\/uploads\\\/2019\\\/09\\\/Promocio\\u0301-Marina-Park-18.jpg&quot;},{&quot;src&quot;:&quot;https:\\\/\\\/www.garciafaura.com\\\/wp-content\\\/uploads\\\/2019\\\/09\\\/Promocio\\u0301-Marina-Park-17.jpg&quot;},{&quot;src&quot;:&quot;https:\\\/\\\/www.garciafaura.com\\\/wp-content\\\/uploads\\\/2019\\\/09\\\/Promocio\\u0301-Marina-Park-16.jpg&quot;},{&quot;src&quot;:&quot;https:\\\/\\\/www.garciafaura.com\\\/wp-content\\\/uploads\\\/2019\\\/09\\\/Promocio\\u0301-Marina-Park-15.jpg&quot;},{&quot;src&quot;:&quot;https:\\\/\\\/www.garciafaura.com\\\/wp-content\\\/uploads\\\/2019\\\/09\\\/Promocio\\u0301-Marina-Park-14.jpg&quot;},{&quot;src&quot;:&quot;https:\\\/\\\/www.garciafaura.com\\\/wp-content\\\/uploads\\\/2019\\\/09\\\/Promocio\\u0301-Marina-Park-13.jpg&quot;},{&quot;src&quot;:&quot;https:\\\/\\\/www.garciafaura.com\\\/wp-content\\\/uploads\\\/2019\\\/09\\\/Promocio\\u0301-Marina-Park-12.jpg&quot;},{&quot;src&quot;:&quot;https:\\\/\\\/www.garciafaura.com\\\/wp-content\\\/uploads\\\/2019\\\/09\\\/Promocio\\u0301-Marina-Park-11.jpg&quot;},{&quot;src&quot;:&quot;https:\\\/\\\/www.garciafaura.com\\\/wp-content\\\/uploads\\\/2019\\\/09\\\/Promocio\\u0301-Marina-Park-10.jpg&quot;},{&quot;src&quot;:&quot;https:\\\/\\\/www.garciafaura.com\\\/wp-content\\\/uploads\\\/2019\\\/09\\\/Promocio\\u0301-Marina-Park-09.jpg&quot;},{&quot;src&quot;:&quot;https:\\\/\\\/www.garciafaura.com\\\/wp-content\\\/uploads\\\/2019\\\/09\\\/Promocio\\u0301-Marina-Park-08.jpg&quot;},{&quot;src&quot;:&quot;https:\\\/\\\/www.garciafaura.com\\\/wp-content\\\/uploads\\\/2019\\\/09\\\/Promocio\\u0301-Marina-Park-07.jpg&quot;},{&quot;src&quot;:&quot;https:\\\/\\\/www.garciafaura.com\\\/wp-content\\\/uploads\\\/2019\\\/09\\\/Promocio\\u0301-Marina-Park-06.jpg&quot;},{&quot;src&quot;:&quot;https:\\\/\\\/www.garciafaura.com\\\/wp-content\\\/uploads\\\/2019\\\/09\\\/Promocio\\u0301-Marina-Park-05.jpg&quot;},{&quot;src&quot;:&quot;https:\\\/\\\/www.garciafaura.com\\\/wp-content\\\/uploads\\\/2019\\\/09\\\/Promocio\\u0301-Marina-Park-04.jpg&quot;},{&quot;src&quot;:&quot;https:\\\/\\\/www.garciafaura.com\\\/wp-content\\\/uploads\\\/2019\\\/09\\\/Promocio\\u0301-Marina-Park-03.jpg&quot;},{&quot;src&quot;:&quot;https:\\\/\\\/www.garciafaura.com\\\/wp-content\\\/uploads\\\/2019\\\/09\\\/Promocio\\u0301-Marina-Park-02.jpg&quot;}]\"><img loading=\"lazy\" decoding=\"async\" data-no-lazy=\"1\" class=\"portfolio-entry-img skip-lazy\" src=\"https:\/\/www.garciafaura.com\/wp-content\/uploads\/2019\/09\/Promocio\u0301-Marina-Park-01-600x314.jpg\" alt='' data-no-retina width=\"600\" height=\"314\" \/><\/a><\/div><div class=\"portfolio-entry-details entry-details wpex-clr\"><h2 class=\"portfolio-entry-title entry-title\"><a href=\"https:\/\/www.garciafaura.com\/en\/portfolio-item\/marina-park-phase\/\" title=\"Marina Park Promotion\">Marina Park Promotion<\/a><\/h2><div class=\"portfolio-entry-categories entry-categories wpex-clr\"><a href=\"https:\/\/www.garciafaura.com\/en\/portfolio-category\/residential-complexes\/\" class=\"term-76\">Residential complexes<\/a><\/div><\/div><\/div><\/div><div class=\"portfolio-entry vcex-grid-item entry-has-details span_1_of_3 col col-3 vcex-isotope-entry vcex-no-margin-entry post-22922 entry type-portfolio has-media cat-76 translation_priority-15\"><div class=\"portfolio-entry-inner entry-inner wpex-clr\"><div class=\"portfolio-entry-media entry-media wpex-clr\"><a href=\"https:\/\/www.garciafaura.com\/wp-content\/uploads\/2019\/09\/Promocio-Irla-Sitges-02.jpg\" title=\"Irla Promotion Sitges\" class=\"portfolio-entry-media-link wpex-lightbox-gallery\" data-gallery=\"[{&quot;src&quot;:&quot;https:\\\/\\\/www.garciafaura.com\\\/wp-content\\\/uploads\\\/2019\\\/09\\\/Promocio-Irla-Sitges-01.jpg&quot;,&quot;title&quot;:&quot;Aluminum and glass enclosures for set of new construction apartments in Sitges&quot;},{&quot;src&quot;:&quot;https:\\\/\\\/www.garciafaura.com\\\/wp-content\\\/uploads\\\/2019\\\/09\\\/Promocio-Irla-Sitges-10.jpg&quot;,&quot;title&quot;:&quot;Aluminum and glass enclosures for set of new construction apartments in Sitges&quot;},{&quot;src&quot;:&quot;https:\\\/\\\/www.garciafaura.com\\\/wp-content\\\/uploads\\\/2019\\\/09\\\/Promocio-Irla-Sitges-09.jpg&quot;,&quot;title&quot;:&quot;Aluminum and glass enclosures for set of new construction apartments in Sitges&quot;},{&quot;src&quot;:&quot;https:\\\/\\\/www.garciafaura.com\\\/wp-content\\\/uploads\\\/2019\\\/09\\\/Promocio-Irla-Sitges-08.jpg&quot;,&quot;title&quot;:&quot;Aluminum and glass enclosures for set of new construction apartments in Sitges&quot;},{&quot;src&quot;:&quot;https:\\\/\\\/www.garciafaura.com\\\/wp-content\\\/uploads\\\/2019\\\/09\\\/Promocio-Irla-Sitges-07.jpg&quot;,&quot;title&quot;:&quot;Aluminum and glass enclosures for set of new construction apartments in Sitges&quot;},{&quot;src&quot;:&quot;https:\\\/\\\/www.garciafaura.com\\\/wp-content\\\/uploads\\\/2019\\\/09\\\/Promocio-Irla-Sitges-06.jpg&quot;,&quot;title&quot;:&quot;Aluminum and glass enclosures for set of new construction apartments in Sitges&quot;},{&quot;src&quot;:&quot;https:\\\/\\\/www.garciafaura.com\\\/wp-content\\\/uploads\\\/2019\\\/09\\\/Promocio-Irla-Sitges-05.jpg&quot;,&quot;title&quot;:&quot;Aluminum and glass enclosures for set of new construction apartments in Sitges&quot;},{&quot;src&quot;:&quot;https:\\\/\\\/www.garciafaura.com\\\/wp-content\\\/uploads\\\/2019\\\/09\\\/Promocio-Irla-Sitges-04.jpg&quot;,&quot;title&quot;:&quot;Aluminum and glass enclosures for set of new construction apartments in Sitges&quot;},{&quot;src&quot;:&quot;https:\\\/\\\/www.garciafaura.com\\\/wp-content\\\/uploads\\\/2019\\\/09\\\/Promocio-Irla-Sitges-03.jpg&quot;,&quot;title&quot;:&quot;Aluminum and glass enclosures for set of new construction apartments in Sitges&quot;},{&quot;src&quot;:&quot;https:\\\/\\\/www.garciafaura.com\\\/wp-content\\\/uploads\\\/2019\\\/09\\\/Promocio-Irla-Sitges-02.jpg&quot;,&quot;title&quot;:&quot;Aluminum and glass enclosures for set of new construction apartments in Sitges&quot;}]\"><img loading=\"lazy\" decoding=\"async\" data-no-lazy=\"1\" class=\"portfolio-entry-img skip-lazy\" src=\"https:\/\/www.garciafaura.com\/wp-content\/uploads\/2019\/09\/Promocio-Irla-Sitges-02-600x314.jpg\" alt=\"Aluminum And Glass Enclosures For Set Of New Construction Apartments In Sitges\" data-no-retina width=\"600\" height=\"314\" \/><\/a><\/div><div class=\"portfolio-entry-details entry-details wpex-clr\"><h2 class=\"portfolio-entry-title entry-title\"><a href=\"https:\/\/www.garciafaura.com\/en\/portfolio-item\/irla-promotion-sitges\/\" title=\"Irla Promotion Sitges\">Irla Promotion Sitges<\/a><\/h2><div class=\"portfolio-entry-categories entry-categories wpex-clr\"><a href=\"https:\/\/www.garciafaura.com\/en\/portfolio-category\/residential-complexes\/\" class=\"term-76\">Residential complexes<\/a><\/div><\/div><\/div><\/div><div class=\"portfolio-entry vcex-grid-item entry-has-details span_1_of_3 col col-1 vcex-isotope-entry vcex-no-margin-entry post-22707 entry type-portfolio has-media cat-76 translation_priority-15\"><div class=\"portfolio-entry-inner entry-inner wpex-clr\"><div class=\"portfolio-entry-media entry-media wpex-clr\"><a href=\"https:\/\/www.garciafaura.com\/wp-content\/uploads\/2019\/07\/Promocio\u0301-Mago\u0300ria-02.jpg\" title=\"Mag\u00f2ria promotion\" class=\"portfolio-entry-media-link wpex-lightbox-gallery\" data-gallery=\"[{&quot;src&quot;:&quot;https:\\\/\\\/www.garciafaura.com\\\/wp-content\\\/uploads\\\/2019\\\/07\\\/Promocio\\u0301-Mago\\u0300ria-01.jpg&quot;,&quot;title&quot;:&quot;Development of fa\\u00e7ade cladding, aluminum and glass enclosures in a residential building in Barcelona.&quot;},{&quot;src&quot;:&quot;https:\\\/\\\/www.garciafaura.com\\\/wp-content\\\/uploads\\\/2019\\\/07\\\/Promocio\\u0301-Mago\\u0300ria-08.jpg&quot;,&quot;title&quot;:&quot;Development of fa\\u00e7ade cladding, aluminum and glass enclosures in a residential building in Barcelona.&quot;},{&quot;src&quot;:&quot;https:\\\/\\\/www.garciafaura.com\\\/wp-content\\\/uploads\\\/2019\\\/07\\\/Promocio\\u0301-Mago\\u0300ria-07.jpg&quot;,&quot;title&quot;:&quot;Development of fa\\u00e7ade cladding, aluminum and glass enclosures in a residential building in Barcelona.&quot;},{&quot;src&quot;:&quot;https:\\\/\\\/www.garciafaura.com\\\/wp-content\\\/uploads\\\/2019\\\/07\\\/Promocio\\u0301-Mago\\u0300ria-06.jpg&quot;,&quot;title&quot;:&quot;Development of fa\\u00e7ade cladding, aluminum and glass enclosures in a residential building in Barcelona.&quot;},{&quot;src&quot;:&quot;https:\\\/\\\/www.garciafaura.com\\\/wp-content\\\/uploads\\\/2019\\\/07\\\/Promocio\\u0301-Mago\\u0300ria-05.jpg&quot;,&quot;title&quot;:&quot;Development of fa\\u00e7ade cladding, aluminum and glass enclosures in a residential building in Barcelona.&quot;},{&quot;src&quot;:&quot;https:\\\/\\\/www.garciafaura.com\\\/wp-content\\\/uploads\\\/2019\\\/07\\\/Promocio\\u0301-Mago\\u0300ria-04.jpg&quot;,&quot;title&quot;:&quot;Development of fa\\u00e7ade cladding, aluminum and glass enclosures in a residential building in Barcelona.&quot;},{&quot;src&quot;:&quot;https:\\\/\\\/www.garciafaura.com\\\/wp-content\\\/uploads\\\/2019\\\/07\\\/Promocio\\u0301-Mago\\u0300ria-03.jpg&quot;,&quot;title&quot;:&quot;Development of fa\\u00e7ade cladding, aluminum and glass enclosures in a residential building in Barcelona.&quot;},{&quot;src&quot;:&quot;https:\\\/\\\/www.garciafaura.com\\\/wp-content\\\/uploads\\\/2019\\\/07\\\/Promocio\\u0301-Mago\\u0300ria-02.jpg&quot;,&quot;title&quot;:&quot;Development of fa\\u00e7ade cladding, aluminum and glass enclosures in a residential building in Barcelona.&quot;,&quot;caption&quot;:&quot;Development of fa\\u00e7ade cladding, aluminum and glass enclosures in a residential building in Barcelona.&quot;}]\"><img loading=\"lazy\" decoding=\"async\" data-no-lazy=\"1\" class=\"portfolio-entry-img skip-lazy\" src=\"https:\/\/www.garciafaura.com\/wp-content\/uploads\/2019\/07\/Promocio\u0301-Mago\u0300ria-02-600x314.jpg\" alt=\"Development Of Fa\u00e7ade Cladding, Aluminum And Glass Enclosures In A Residential Building In Barcelona.\" data-no-retina width=\"600\" height=\"314\" \/><\/a><\/div><div class=\"portfolio-entry-details entry-details wpex-clr\"><h2 class=\"portfolio-entry-title entry-title\"><a href=\"https:\/\/www.garciafaura.com\/en\/portfolio-item\/magoria-promotion\/\" title=\"Mag\u00f2ria promotion\">Mag\u00f2ria promotion<\/a><\/h2><div class=\"portfolio-entry-categories entry-categories wpex-clr\"><a href=\"https:\/\/www.garciafaura.com\/en\/portfolio-category\/residential-complexes\/\" class=\"term-76\">Residential complexes<\/a><\/div><\/div><\/div><\/div><div class=\"portfolio-entry vcex-grid-item entry-has-details span_1_of_3 col col-2 vcex-isotope-entry vcex-no-margin-entry post-22631 entry type-portfolio has-media cat-76 translation_priority-15\"><div class=\"portfolio-entry-inner entry-inner wpex-clr\"><div class=\"portfolio-entry-media entry-media wpex-clr\"><a href=\"https:\/\/www.garciafaura.com\/wp-content\/uploads\/2019\/07\/12928-01.jpg\" title=\"Granollers promotion\" class=\"portfolio-entry-media-link wpex-lightbox-gallery\" data-gallery=\"[{&quot;src&quot;:&quot;https:\\\/\\\/www.garciafaura.com\\\/wp-content\\\/uploads\\\/2019\\\/07\\\/12928-01.jpg&quot;,&quot;title&quot;:&quot;Enclosures for residential building in Granollers&quot;},{&quot;src&quot;:&quot;https:\\\/\\\/www.garciafaura.com\\\/wp-content\\\/uploads\\\/2019\\\/07\\\/12928-12.jpg&quot;,&quot;title&quot;:&quot;Enclosures for residential building in Granollers&quot;},{&quot;src&quot;:&quot;https:\\\/\\\/www.garciafaura.com\\\/wp-content\\\/uploads\\\/2019\\\/07\\\/12928-11.jpg&quot;,&quot;title&quot;:&quot;Enclosures for residential building in Granollers&quot;},{&quot;src&quot;:&quot;https:\\\/\\\/www.garciafaura.com\\\/wp-content\\\/uploads\\\/2019\\\/07\\\/12928-10.jpg&quot;,&quot;title&quot;:&quot;Enclosures for residential building in Granollers&quot;},{&quot;src&quot;:&quot;https:\\\/\\\/www.garciafaura.com\\\/wp-content\\\/uploads\\\/2019\\\/07\\\/12928-09.jpg&quot;,&quot;title&quot;:&quot;Enclosures for residential building in Granollers&quot;},{&quot;src&quot;:&quot;https:\\\/\\\/www.garciafaura.com\\\/wp-content\\\/uploads\\\/2019\\\/07\\\/12928-07.jpg&quot;,&quot;title&quot;:&quot;Enclosures for residential building in Granollers&quot;},{&quot;src&quot;:&quot;https:\\\/\\\/www.garciafaura.com\\\/wp-content\\\/uploads\\\/2019\\\/07\\\/12928-06.jpg&quot;,&quot;title&quot;:&quot;Enclosures for residential building in Granollers&quot;},{&quot;src&quot;:&quot;https:\\\/\\\/www.garciafaura.com\\\/wp-content\\\/uploads\\\/2019\\\/07\\\/12928-05.jpg&quot;,&quot;title&quot;:&quot;Enclosures for residential building in Granollers&quot;},{&quot;src&quot;:&quot;https:\\\/\\\/www.garciafaura.com\\\/wp-content\\\/uploads\\\/2019\\\/07\\\/12928-04.jpg&quot;,&quot;title&quot;:&quot;Enclosures for residential building in Granollers&quot;},{&quot;src&quot;:&quot;https:\\\/\\\/www.garciafaura.com\\\/wp-content\\\/uploads\\\/2019\\\/07\\\/12928-03.jpg&quot;,&quot;title&quot;:&quot;Enclosures for residential building in Granollers&quot;},{&quot;src&quot;:&quot;https:\\\/\\\/www.garciafaura.com\\\/wp-content\\\/uploads\\\/2019\\\/07\\\/12928-02.jpg&quot;,&quot;title&quot;:&quot;Enclosures for residential building in Granollers&quot;}]\"><img loading=\"lazy\" decoding=\"async\" data-no-lazy=\"1\" class=\"portfolio-entry-img skip-lazy\" src=\"https:\/\/www.garciafaura.com\/wp-content\/uploads\/2019\/07\/12928-01-600x314.jpg\" alt=\"Enclosures For Residential Building In Granollers\" data-no-retina width=\"600\" height=\"314\" \/><\/a><\/div><div class=\"portfolio-entry-details entry-details wpex-clr\"><h2 class=\"portfolio-entry-title entry-title\"><a href=\"https:\/\/www.garciafaura.com\/en\/portfolio-item\/granollers-promotion\/\" title=\"Granollers promotion\">Granollers promotion<\/a><\/h2><div class=\"portfolio-entry-categories entry-categories wpex-clr\"><a href=\"https:\/\/www.garciafaura.com\/en\/portfolio-category\/residential-complexes\/\" class=\"term-76\">Residential complexes<\/a><\/div><\/div><\/div><\/div><div class=\"portfolio-entry vcex-grid-item entry-has-details span_1_of_3 col col-3 vcex-isotope-entry vcex-no-margin-entry post-22519 entry type-portfolio has-media cat-76 translation_priority-15\"><div class=\"portfolio-entry-inner entry-inner wpex-clr\"><div class=\"portfolio-entry-media entry-media wpex-clr\"><a href=\"https:\/\/www.garciafaura.com\/wp-content\/uploads\/2019\/07\/PROMOCIO-SANT-BOI-GAIA\u0300-01.jpg\" title=\"Sant Boi Park II promotion\" class=\"portfolio-entry-media-link wpex-lightbox-gallery\" data-gallery=\"[{&quot;src&quot;:&quot;https:\\\/\\\/www.garciafaura.com\\\/wp-content\\\/uploads\\\/2019\\\/07\\\/PROMOCIO-SANT-BOI-GAIA\\u0300-01.jpg&quot;},{&quot;src&quot;:&quot;https:\\\/\\\/www.garciafaura.com\\\/wp-content\\\/uploads\\\/2019\\\/07\\\/PROMOCIO-SANT-BOI-GAIA\\u0300-19.jpg&quot;},{&quot;src&quot;:&quot;https:\\\/\\\/www.garciafaura.com\\\/wp-content\\\/uploads\\\/2019\\\/07\\\/PROMOCIO-SANT-BOI-GAIA\\u0300-18.jpg&quot;},{&quot;src&quot;:&quot;https:\\\/\\\/www.garciafaura.com\\\/wp-content\\\/uploads\\\/2019\\\/07\\\/PROMOCIO-SANT-BOI-GAIA\\u0300-17.jpg&quot;},{&quot;src&quot;:&quot;https:\\\/\\\/www.garciafaura.com\\\/wp-content\\\/uploads\\\/2019\\\/07\\\/PROMOCIO-SANT-BOI-GAIA\\u0300-16.jpg&quot;},{&quot;src&quot;:&quot;https:\\\/\\\/www.garciafaura.com\\\/wp-content\\\/uploads\\\/2019\\\/07\\\/PROMOCIO-SANT-BOI-GAIA\\u0300-15.jpg&quot;},{&quot;src&quot;:&quot;https:\\\/\\\/www.garciafaura.com\\\/wp-content\\\/uploads\\\/2019\\\/07\\\/PROMOCIO-SANT-BOI-GAIA\\u0300-14.jpg&quot;},{&quot;src&quot;:&quot;https:\\\/\\\/www.garciafaura.com\\\/wp-content\\\/uploads\\\/2019\\\/07\\\/PROMOCIO-SANT-BOI-GAIA\\u0300-13.jpg&quot;},{&quot;src&quot;:&quot;https:\\\/\\\/www.garciafaura.com\\\/wp-content\\\/uploads\\\/2019\\\/07\\\/PROMOCIO-SANT-BOI-GAIA\\u0300-12.jpg&quot;},{&quot;src&quot;:&quot;https:\\\/\\\/www.garciafaura.com\\\/wp-content\\\/uploads\\\/2019\\\/07\\\/PROMOCIO-SANT-BOI-GAIA\\u0300-11.jpg&quot;},{&quot;src&quot;:&quot;https:\\\/\\\/www.garciafaura.com\\\/wp-content\\\/uploads\\\/2019\\\/07\\\/PROMOCIO-SANT-BOI-GAIA\\u0300-10.jpg&quot;},{&quot;src&quot;:&quot;https:\\\/\\\/www.garciafaura.com\\\/wp-content\\\/uploads\\\/2019\\\/07\\\/PROMOCIO-SANT-BOI-GAIA\\u0300-09.jpg&quot;},{&quot;src&quot;:&quot;https:\\\/\\\/www.garciafaura.com\\\/wp-content\\\/uploads\\\/2019\\\/07\\\/PROMOCIO-SANT-BOI-GAIA\\u0300-08.jpg&quot;},{&quot;src&quot;:&quot;https:\\\/\\\/www.garciafaura.com\\\/wp-content\\\/uploads\\\/2019\\\/07\\\/PROMOCIO-SANT-BOI-GAIA\\u0300-07.jpg&quot;},{&quot;src&quot;:&quot;https:\\\/\\\/www.garciafaura.com\\\/wp-content\\\/uploads\\\/2019\\\/07\\\/PROMOCIO-SANT-BOI-GAIA\\u0300-06.jpg&quot;},{&quot;src&quot;:&quot;https:\\\/\\\/www.garciafaura.com\\\/wp-content\\\/uploads\\\/2019\\\/07\\\/PROMOCIO-SANT-BOI-GAIA\\u0300-05.jpg&quot;},{&quot;src&quot;:&quot;https:\\\/\\\/www.garciafaura.com\\\/wp-content\\\/uploads\\\/2019\\\/07\\\/PROMOCIO-SANT-BOI-GAIA\\u0300-04.jpg&quot;},{&quot;src&quot;:&quot;https:\\\/\\\/www.garciafaura.com\\\/wp-content\\\/uploads\\\/2019\\\/07\\\/PROMOCIO-SANT-BOI-GAIA\\u0300-03.jpg&quot;},{&quot;src&quot;:&quot;https:\\\/\\\/www.garciafaura.com\\\/wp-content\\\/uploads\\\/2019\\\/07\\\/PROMOCIO-SANT-BOI-GAIA\\u0300-02.jpg&quot;}]\"><img loading=\"lazy\" decoding=\"async\" data-no-lazy=\"1\" class=\"portfolio-entry-img skip-lazy\" src=\"https:\/\/www.garciafaura.com\/wp-content\/uploads\/2019\/07\/PROMOCIO-SANT-BOI-GAIA\u0300-01-600x314.jpg\" alt='' data-no-retina width=\"600\" height=\"314\" \/><\/a><\/div><div class=\"portfolio-entry-details entry-details wpex-clr\"><h2 class=\"portfolio-entry-title entry-title\"><a href=\"https:\/\/www.garciafaura.com\/en\/portfolio-item\/sant-boi-park-ii-promotion\/\" title=\"Sant Boi Park II promotion\">Sant Boi Park II promotion<\/a><\/h2><div class=\"portfolio-entry-categories entry-categories wpex-clr\"><a href=\"https:\/\/www.garciafaura.com\/en\/portfolio-category\/residential-complexes\/\" class=\"term-76\">Residential complexes<\/a><\/div><\/div><\/div><\/div><div class=\"portfolio-entry vcex-grid-item entry-has-details span_1_of_3 col col-1 vcex-isotope-entry vcex-no-margin-entry post-22517 entry type-portfolio has-media cat-86 cat-76 translation_priority-15\"><div class=\"portfolio-entry-inner entry-inner wpex-clr\"><div class=\"portfolio-entry-media entry-media wpex-clr\"><a href=\"https:\/\/www.garciafaura.com\/wp-content\/uploads\/2019\/07\/1.jpg\" title=\"Kronos Badalona promotion\" class=\"portfolio-entry-media-link wpex-lightbox-gallery\" data-gallery=\"[{&quot;src&quot;:&quot;https:\\\/\\\/www.garciafaura.com\\\/wp-content\\\/uploads\\\/2019\\\/07\\\/18.jpg&quot;},{&quot;src&quot;:&quot;https:\\\/\\\/www.garciafaura.com\\\/wp-content\\\/uploads\\\/2019\\\/07\\\/17.jpg&quot;},{&quot;src&quot;:&quot;https:\\\/\\\/www.garciafaura.com\\\/wp-content\\\/uploads\\\/2019\\\/07\\\/16.jpg&quot;},{&quot;src&quot;:&quot;https:\\\/\\\/www.garciafaura.com\\\/wp-content\\\/uploads\\\/2019\\\/07\\\/15.jpg&quot;},{&quot;src&quot;:&quot;https:\\\/\\\/www.garciafaura.com\\\/wp-content\\\/uploads\\\/2019\\\/07\\\/14.jpg&quot;},{&quot;src&quot;:&quot;https:\\\/\\\/www.garciafaura.com\\\/wp-content\\\/uploads\\\/2019\\\/07\\\/13.jpg&quot;},{&quot;src&quot;:&quot;https:\\\/\\\/www.garciafaura.com\\\/wp-content\\\/uploads\\\/2019\\\/07\\\/12.jpg&quot;},{&quot;src&quot;:&quot;https:\\\/\\\/www.garciafaura.com\\\/wp-content\\\/uploads\\\/2019\\\/07\\\/11.jpg&quot;},{&quot;src&quot;:&quot;https:\\\/\\\/www.garciafaura.com\\\/wp-content\\\/uploads\\\/2019\\\/07\\\/10.jpg&quot;},{&quot;src&quot;:&quot;https:\\\/\\\/www.garciafaura.com\\\/wp-content\\\/uploads\\\/2019\\\/07\\\/9.jpg&quot;},{&quot;src&quot;:&quot;https:\\\/\\\/www.garciafaura.com\\\/wp-content\\\/uploads\\\/2019\\\/07\\\/8.jpg&quot;},{&quot;src&quot;:&quot;https:\\\/\\\/www.garciafaura.com\\\/wp-content\\\/uploads\\\/2019\\\/07\\\/7.jpg&quot;},{&quot;src&quot;:&quot;https:\\\/\\\/www.garciafaura.com\\\/wp-content\\\/uploads\\\/2019\\\/07\\\/6.jpg&quot;},{&quot;src&quot;:&quot;https:\\\/\\\/www.garciafaura.com\\\/wp-content\\\/uploads\\\/2019\\\/07\\\/5.jpg&quot;},{&quot;src&quot;:&quot;https:\\\/\\\/www.garciafaura.com\\\/wp-content\\\/uploads\\\/2019\\\/07\\\/4.jpg&quot;},{&quot;src&quot;:&quot;https:\\\/\\\/www.garciafaura.com\\\/wp-content\\\/uploads\\\/2019\\\/07\\\/3.jpg&quot;},{&quot;src&quot;:&quot;https:\\\/\\\/www.garciafaura.com\\\/wp-content\\\/uploads\\\/2019\\\/07\\\/2.jpg&quot;},{&quot;src&quot;:&quot;https:\\\/\\\/www.garciafaura.com\\\/wp-content\\\/uploads\\\/2019\\\/07\\\/1.jpg&quot;}]\"><img loading=\"lazy\" decoding=\"async\" data-no-lazy=\"1\" class=\"portfolio-entry-img skip-lazy\" src=\"https:\/\/www.garciafaura.com\/wp-content\/uploads\/2019\/07\/1-600x314.jpg\" alt='' data-no-retina width=\"600\" height=\"314\" \/><\/a><\/div><div class=\"portfolio-entry-details entry-details wpex-clr\"><h2 class=\"portfolio-entry-title entry-title\"><a href=\"https:\/\/www.garciafaura.com\/en\/portfolio-item\/kronos-badalona-promotion\/\" title=\"Kronos Badalona promotion\">Kronos Badalona promotion<\/a><\/h2><div class=\"portfolio-entry-categories entry-categories wpex-clr\"><a href=\"https:\/\/www.garciafaura.com\/en\/portfolio-category\/destacat-residential-complexes\/\" class=\"term-86\">Destacat residential complexes<\/a><\/div><\/div><\/div><\/div><div class=\"portfolio-entry vcex-grid-item entry-has-details span_1_of_3 col col-2 vcex-isotope-entry vcex-no-margin-entry post-22413 entry type-portfolio has-media cat-76 translation_priority-15\"><div class=\"portfolio-entry-inner entry-inner wpex-clr\"><div class=\"portfolio-entry-media entry-media wpex-clr\"><a href=\"https:\/\/www.garciafaura.com\/wp-content\/uploads\/2019\/06\/12617-01.jpg\" title=\"Ronda Sant Ramon promotions\" class=\"portfolio-entry-media-link wpex-lightbox-gallery\" data-gallery=\"[{&quot;src&quot;:&quot;https:\\\/\\\/www.garciafaura.com\\\/wp-content\\\/uploads\\\/2019\\\/06\\\/12617-01.jpg&quot;,&quot;title&quot;:&quot;Aluminum and glass enclosures in conjunction with promotions in Sant Boi de Llobregat&quot;},{&quot;src&quot;:&quot;https:\\\/\\\/www.garciafaura.com\\\/wp-content\\\/uploads\\\/2019\\\/06\\\/12617-08.jpg&quot;,&quot;title&quot;:&quot;Aluminum and glass enclosures in conjunction with promotions in Sant Boi de Llobregat&quot;},{&quot;src&quot;:&quot;https:\\\/\\\/www.garciafaura.com\\\/wp-content\\\/uploads\\\/2019\\\/06\\\/12617-07.jpg&quot;,&quot;title&quot;:&quot;Aluminum and glass enclosures in conjunction with promotions in Sant Boi de Llobregat&quot;},{&quot;src&quot;:&quot;https:\\\/\\\/www.garciafaura.com\\\/wp-content\\\/uploads\\\/2019\\\/06\\\/12617-06.jpg&quot;,&quot;title&quot;:&quot;Aluminum and glass enclosures in conjunction with promotions in Sant Boi de Llobregat&quot;},{&quot;src&quot;:&quot;https:\\\/\\\/www.garciafaura.com\\\/wp-content\\\/uploads\\\/2019\\\/06\\\/12617-05.jpg&quot;,&quot;title&quot;:&quot;Aluminum and glass enclosures in conjunction with promotions in Sant Boi de Llobregat&quot;},{&quot;src&quot;:&quot;https:\\\/\\\/www.garciafaura.com\\\/wp-content\\\/uploads\\\/2019\\\/06\\\/12617-04.jpg&quot;,&quot;title&quot;:&quot;Aluminum and glass enclosures in conjunction with promotions in Sant Boi de Llobregat&quot;},{&quot;src&quot;:&quot;https:\\\/\\\/www.garciafaura.com\\\/wp-content\\\/uploads\\\/2019\\\/06\\\/12617-03.jpg&quot;,&quot;title&quot;:&quot;Aluminum and glass enclosures in conjunction with promotions in Sant Boi de Llobregat&quot;},{&quot;src&quot;:&quot;https:\\\/\\\/www.garciafaura.com\\\/wp-content\\\/uploads\\\/2019\\\/06\\\/12617-02.jpg&quot;,&quot;title&quot;:&quot;Aluminum and glass enclosures in conjunction with promotions in Sant Boi de Llobregat&quot;}]\"><img loading=\"lazy\" decoding=\"async\" data-no-lazy=\"1\" class=\"portfolio-entry-img skip-lazy\" src=\"https:\/\/www.garciafaura.com\/wp-content\/uploads\/2019\/06\/12617-01-600x314.jpg\" alt=\"Aluminum And Glass Enclosures In Conjunction With Promotions In Sant Boi De Llobregat\" data-no-retina width=\"600\" height=\"314\" \/><\/a><\/div><div class=\"portfolio-entry-details entry-details wpex-clr\"><h2 class=\"portfolio-entry-title entry-title\"><a href=\"https:\/\/www.garciafaura.com\/en\/portfolio-item\/ronda-sant-ramon-promotions\/\" title=\"Ronda Sant Ramon promotions\">Ronda Sant Ramon promotions<\/a><\/h2><div class=\"portfolio-entry-categories entry-categories wpex-clr\"><a href=\"https:\/\/www.garciafaura.com\/en\/portfolio-category\/residential-complexes\/\" class=\"term-76\">Residential complexes<\/a><\/div><\/div><\/div><\/div><div class=\"portfolio-entry vcex-grid-item entry-has-details span_1_of_3 col col-3 vcex-isotope-entry vcex-no-margin-entry post-21494 entry type-portfolio has-media cat-76 translation_priority-15\"><div class=\"portfolio-entry-inner entry-inner wpex-clr\"><div class=\"portfolio-entry-media entry-media wpex-clr\"><a href=\"https:\/\/www.garciafaura.com\/wp-content\/uploads\/2019\/04\/Promocio\u0301-Fort-Pienc-04.jpg\" title=\"Fort Pienc development\" class=\"portfolio-entry-media-link wpex-lightbox-gallery\" data-gallery=\"[{&quot;src&quot;:&quot;https:\\\/\\\/www.garciafaura.com\\\/wp-content\\\/uploads\\\/2019\\\/04\\\/Promocio\\u0301-Fort-Pienc-01.jpg&quot;,&quot;title&quot;:&quot;Promoci\\u00f3 Fort Pienc&quot;},{&quot;src&quot;:&quot;https:\\\/\\\/www.garciafaura.com\\\/wp-content\\\/uploads\\\/2019\\\/04\\\/Promocio\\u0301-Fort-Pienc-07.jpg&quot;,&quot;title&quot;:&quot;Promoci\\u00f3 Fort Pienc&quot;},{&quot;src&quot;:&quot;https:\\\/\\\/www.garciafaura.com\\\/wp-content\\\/uploads\\\/2019\\\/04\\\/Promocio\\u0301-Fort-Pienc-06.jpg&quot;,&quot;title&quot;:&quot;Promoci\\u00f3 Fort Pienc&quot;},{&quot;src&quot;:&quot;https:\\\/\\\/www.garciafaura.com\\\/wp-content\\\/uploads\\\/2019\\\/04\\\/Promocio\\u0301-Fort-Pienc-05.jpg&quot;,&quot;title&quot;:&quot;Promoci\\u00f3 Fort Pienc&quot;},{&quot;src&quot;:&quot;https:\\\/\\\/www.garciafaura.com\\\/wp-content\\\/uploads\\\/2019\\\/04\\\/Promocio\\u0301-Fort-Pienc-04.jpg&quot;,&quot;title&quot;:&quot;Promoci\\u00f3 Fort Pienc&quot;},{&quot;src&quot;:&quot;https:\\\/\\\/www.garciafaura.com\\\/wp-content\\\/uploads\\\/2019\\\/04\\\/Promocio\\u0301-Fort-Pienc-03.jpg&quot;,&quot;title&quot;:&quot;Promoci\\u00f3 Fort Pienc&quot;},{&quot;src&quot;:&quot;https:\\\/\\\/www.garciafaura.com\\\/wp-content\\\/uploads\\\/2019\\\/04\\\/Promocio\\u0301-Fort-Pienc-02.jpg&quot;,&quot;title&quot;:&quot;Promoci\\u00f3 Fort Pienc&quot;}]\"><img loading=\"lazy\" decoding=\"async\" data-no-lazy=\"1\" class=\"portfolio-entry-img skip-lazy\" src=\"https:\/\/www.garciafaura.com\/wp-content\/uploads\/2019\/04\/Promocio\u0301-Fort-Pienc-04-600x314.jpg\" alt=\"Promoci\u00f3 Fort Pienc\" data-no-retina width=\"600\" height=\"314\" \/><\/a><\/div><div class=\"portfolio-entry-details entry-details wpex-clr\"><h2 class=\"portfolio-entry-title entry-title\"><a href=\"https:\/\/www.garciafaura.com\/en\/portfolio-item\/fort-pienc-development\/\" title=\"Fort Pienc development\">Fort Pienc development<\/a><\/h2><div class=\"portfolio-entry-categories entry-categories wpex-clr\"><a href=\"https:\/\/www.garciafaura.com\/en\/portfolio-category\/residential-complexes\/\" class=\"term-76\">Residential complexes<\/a><\/div><\/div><\/div><\/div><div class=\"portfolio-entry vcex-grid-item entry-has-details span_1_of_3 col col-1 vcex-isotope-entry vcex-no-margin-entry post-21493 entry type-portfolio has-media cat-76 translation_priority-15\"><div class=\"portfolio-entry-inner entry-inner wpex-clr\"><div class=\"portfolio-entry-media entry-media wpex-clr\"><a href=\"https:\/\/www.garciafaura.com\/wp-content\/uploads\/2019\/04\/Residencial-Ponent-Badalona-01.jpg\" title=\"Ponent Badalona development\" class=\"portfolio-entry-media-link wpex-lightbox-gallery\" data-gallery=\"[{&quot;src&quot;:&quot;https:\\\/\\\/www.garciafaura.com\\\/wp-content\\\/uploads\\\/2019\\\/04\\\/Residencial-Ponent-Badalona-01.jpg&quot;},{&quot;src&quot;:&quot;https:\\\/\\\/www.garciafaura.com\\\/wp-content\\\/uploads\\\/2019\\\/04\\\/Residencial-Ponent-Badalona-14.jpg&quot;},{&quot;src&quot;:&quot;https:\\\/\\\/www.garciafaura.com\\\/wp-content\\\/uploads\\\/2019\\\/04\\\/Residencial-Ponent-Badalona-13.jpg&quot;},{&quot;src&quot;:&quot;https:\\\/\\\/www.garciafaura.com\\\/wp-content\\\/uploads\\\/2019\\\/04\\\/Residencial-Ponent-Badalona-12.jpg&quot;},{&quot;src&quot;:&quot;https:\\\/\\\/www.garciafaura.com\\\/wp-content\\\/uploads\\\/2019\\\/04\\\/Residencial-Ponent-Badalona-11.jpg&quot;},{&quot;src&quot;:&quot;https:\\\/\\\/www.garciafaura.com\\\/wp-content\\\/uploads\\\/2019\\\/04\\\/Residencial-Ponent-Badalona-10.jpg&quot;},{&quot;src&quot;:&quot;https:\\\/\\\/www.garciafaura.com\\\/wp-content\\\/uploads\\\/2019\\\/04\\\/Residencial-Ponent-Badalona-09.jpg&quot;},{&quot;src&quot;:&quot;https:\\\/\\\/www.garciafaura.com\\\/wp-content\\\/uploads\\\/2019\\\/04\\\/Residencial-Ponent-Badalona-08.jpg&quot;},{&quot;src&quot;:&quot;https:\\\/\\\/www.garciafaura.com\\\/wp-content\\\/uploads\\\/2019\\\/04\\\/Residencial-Ponent-Badalona-07.jpg&quot;},{&quot;src&quot;:&quot;https:\\\/\\\/www.garciafaura.com\\\/wp-content\\\/uploads\\\/2019\\\/04\\\/Residencial-Ponent-Badalona-06.jpg&quot;},{&quot;src&quot;:&quot;https:\\\/\\\/www.garciafaura.com\\\/wp-content\\\/uploads\\\/2019\\\/04\\\/Residencial-Ponent-Badalona-05.jpg&quot;},{&quot;src&quot;:&quot;https:\\\/\\\/www.garciafaura.com\\\/wp-content\\\/uploads\\\/2019\\\/04\\\/Residencial-Ponent-Badalona-04.jpg&quot;},{&quot;src&quot;:&quot;https:\\\/\\\/www.garciafaura.com\\\/wp-content\\\/uploads\\\/2019\\\/04\\\/Residencial-Ponent-Badalona-03.jpg&quot;},{&quot;src&quot;:&quot;https:\\\/\\\/www.garciafaura.com\\\/wp-content\\\/uploads\\\/2019\\\/04\\\/Residencial-Ponent-Badalona-02.jpg&quot;}]\"><img loading=\"lazy\" decoding=\"async\" data-no-lazy=\"1\" class=\"portfolio-entry-img skip-lazy\" src=\"https:\/\/www.garciafaura.com\/wp-content\/uploads\/2019\/04\/Residencial-Ponent-Badalona-01-600x314.jpg\" alt='' data-no-retina width=\"600\" height=\"314\" \/><\/a><\/div><div class=\"portfolio-entry-details entry-details wpex-clr\"><h2 class=\"portfolio-entry-title entry-title\"><a href=\"https:\/\/www.garciafaura.com\/en\/portfolio-item\/ponent-badalona-development-2\/\" title=\"Ponent Badalona development\">Ponent Badalona development<\/a><\/h2><div class=\"portfolio-entry-categories entry-categories wpex-clr\"><a href=\"https:\/\/www.garciafaura.com\/en\/portfolio-category\/residential-complexes\/\" class=\"term-76\">Residential complexes<\/a><\/div><\/div><\/div><\/div><div class=\"portfolio-entry vcex-grid-item entry-has-details span_1_of_3 col col-2 vcex-isotope-entry vcex-no-margin-entry post-21491 entry type-portfolio has-media cat-86 cat-76 translation_priority-15\"><div class=\"portfolio-entry-inner entry-inner wpex-clr\"><div class=\"portfolio-entry-media entry-media wpex-clr\"><a href=\"https:\/\/www.garciafaura.com\/wp-content\/uploads\/2019\/04\/Residencial-La-Marina-Mataro\u0301-01.jpg\" title=\"La Marina development\" class=\"portfolio-entry-media-link wpex-lightbox-gallery\" data-gallery=\"[{&quot;src&quot;:&quot;https:\\\/\\\/www.garciafaura.com\\\/wp-content\\\/uploads\\\/2019\\\/04\\\/Residencial-La-Marina-Mataro\\u0301-01.jpg&quot;},{&quot;src&quot;:&quot;https:\\\/\\\/www.garciafaura.com\\\/wp-content\\\/uploads\\\/2019\\\/04\\\/Residencial-La-Marina-Mataro\\u0301-11.jpg&quot;},{&quot;src&quot;:&quot;https:\\\/\\\/www.garciafaura.com\\\/wp-content\\\/uploads\\\/2019\\\/04\\\/Residencial-La-Marina-Mataro\\u0301-10.jpg&quot;},{&quot;src&quot;:&quot;https:\\\/\\\/www.garciafaura.com\\\/wp-content\\\/uploads\\\/2019\\\/04\\\/Residencial-La-Marina-Mataro\\u0301-09.jpg&quot;},{&quot;src&quot;:&quot;https:\\\/\\\/www.garciafaura.com\\\/wp-content\\\/uploads\\\/2019\\\/04\\\/Residencial-La-Marina-Mataro\\u0301-08.jpg&quot;},{&quot;src&quot;:&quot;https:\\\/\\\/www.garciafaura.com\\\/wp-content\\\/uploads\\\/2019\\\/04\\\/Residencial-La-Marina-Mataro\\u0301-07.jpg&quot;},{&quot;src&quot;:&quot;https:\\\/\\\/www.garciafaura.com\\\/wp-content\\\/uploads\\\/2019\\\/04\\\/Residencial-La-Marina-Mataro\\u0301-06.jpg&quot;},{&quot;src&quot;:&quot;https:\\\/\\\/www.garciafaura.com\\\/wp-content\\\/uploads\\\/2019\\\/04\\\/Residencial-La-Marina-Mataro\\u0301-05.jpg&quot;},{&quot;src&quot;:&quot;https:\\\/\\\/www.garciafaura.com\\\/wp-content\\\/uploads\\\/2019\\\/04\\\/Residencial-La-Marina-Mataro\\u0301-04.jpg&quot;},{&quot;src&quot;:&quot;https:\\\/\\\/www.garciafaura.com\\\/wp-content\\\/uploads\\\/2019\\\/04\\\/Residencial-La-Marina-Mataro\\u0301-03.jpg&quot;},{&quot;src&quot;:&quot;https:\\\/\\\/www.garciafaura.com\\\/wp-content\\\/uploads\\\/2019\\\/04\\\/Residencial-La-Marina-Mataro\\u0301-02.jpg&quot;}]\"><img loading=\"lazy\" decoding=\"async\" data-no-lazy=\"1\" class=\"portfolio-entry-img skip-lazy\" src=\"https:\/\/www.garciafaura.com\/wp-content\/uploads\/2019\/04\/Residencial-La-Marina-Mataro\u0301-01-600x314.jpg\" alt='' data-no-retina width=\"600\" height=\"314\" \/><\/a><\/div><div class=\"portfolio-entry-details entry-details wpex-clr\"><h2 class=\"portfolio-entry-title entry-title\"><a href=\"https:\/\/www.garciafaura.com\/en\/portfolio-item\/la-marina-development\/\" title=\"La Marina development\">La Marina development<\/a><\/h2><div class=\"portfolio-entry-categories entry-categories wpex-clr\"><a href=\"https:\/\/www.garciafaura.com\/en\/portfolio-category\/destacat-residential-complexes\/\" class=\"term-86\">Destacat residential complexes<\/a><\/div><\/div><\/div><\/div><div class=\"portfolio-entry vcex-grid-item entry-has-details span_1_of_3 col col-3 vcex-isotope-entry vcex-no-margin-entry post-21471 entry type-portfolio has-media cat-76 translation_priority-15\"><div class=\"portfolio-entry-inner entry-inner wpex-clr\"><div class=\"portfolio-entry-media entry-media wpex-clr\"><a href=\"https:\/\/www.garciafaura.com\/wp-content\/uploads\/2018\/11\/Promocio\u0301-Can-Divi\u0301-02.jpg\" title=\"Promotion Can Div\u00ed\" class=\"portfolio-entry-media-link wpex-lightbox-gallery\" data-gallery=\"[{&quot;src&quot;:&quot;https:\\\/\\\/www.garciafaura.com\\\/wp-content\\\/uploads\\\/2018\\\/11\\\/Promocio\\u0301-Can-Divi\\u0301-01.jpg&quot;,&quot;title&quot;:&quot;Conjunt de treballs d&#039;alumini i vidre en aquesta nova promoci\\u00f3 d&#039;habitatges de Sant Boi&quot;},{&quot;src&quot;:&quot;https:\\\/\\\/www.garciafaura.com\\\/wp-content\\\/uploads\\\/2018\\\/11\\\/Promocio\\u0301-Can-Divi\\u0301-03.jpg&quot;,&quot;title&quot;:&quot;Conjunt de treballs d&#039;alumini i vidre en aquesta nova promoci\\u00f3 d&#039;habitatges de Sant Boi&quot;},{&quot;src&quot;:&quot;https:\\\/\\\/www.garciafaura.com\\\/wp-content\\\/uploads\\\/2018\\\/11\\\/Promocio\\u0301-Can-Divi\\u0301-02.jpg&quot;,&quot;title&quot;:&quot;Aluminum and glass works in this new housing development in Sant Boi de Llobregat&quot;}]\"><img decoding=\"async\" data-no-lazy=\"1\" class=\"portfolio-entry-img skip-lazy\" src=\"https:\/\/www.garciafaura.com\/wp-content\/uploads\/2018\/11\/Promocio\u0301-Can-Divi\u0301-02-x.jpg\" alt=\"Aluminum And Glass Works In This New Housing Development In Sant Boi De Llobregat\" data-no-retina \/><\/a><\/div><div class=\"portfolio-entry-details entry-details wpex-clr\"><h2 class=\"portfolio-entry-title entry-title\"><a href=\"https:\/\/www.garciafaura.com\/en\/portfolio-item\/promotion-can-divi\/\" title=\"Promotion Can Div\u00ed\">Promotion Can Div\u00ed<\/a><\/h2><div class=\"portfolio-entry-categories entry-categories wpex-clr\"><a href=\"https:\/\/www.garciafaura.com\/en\/portfolio-category\/residential-complexes\/\" class=\"term-76\">Residential complexes<\/a><\/div><\/div><\/div><\/div><div class=\"portfolio-entry vcex-grid-item entry-has-details span_1_of_3 col col-1 vcex-isotope-entry vcex-no-margin-entry post-21469 entry type-portfolio has-media cat-76 translation_priority-15\"><div class=\"portfolio-entry-inner entry-inner wpex-clr\"><div class=\"portfolio-entry-media entry-media wpex-clr\"><a href=\"https:\/\/www.garciafaura.com\/wp-content\/uploads\/2019\/04\/Can-Matas-A2-Sant-Cugat-02.jpg\" title=\"Can Mates A2 development\" class=\"portfolio-entry-media-link wpex-lightbox-gallery\" data-gallery=\"[{&quot;src&quot;:&quot;https:\\\/\\\/www.garciafaura.com\\\/wp-content\\\/uploads\\\/2019\\\/04\\\/Can-Matas-A2-Sant-Cugat-01.jpg&quot;},{&quot;src&quot;:&quot;https:\\\/\\\/www.garciafaura.com\\\/wp-content\\\/uploads\\\/2019\\\/04\\\/Can-Matas-A2-Sant-Cugat-11.jpg&quot;},{&quot;src&quot;:&quot;https:\\\/\\\/www.garciafaura.com\\\/wp-content\\\/uploads\\\/2019\\\/04\\\/Can-Matas-A2-Sant-Cugat-10.jpg&quot;},{&quot;src&quot;:&quot;https:\\\/\\\/www.garciafaura.com\\\/wp-content\\\/uploads\\\/2019\\\/04\\\/Can-Matas-A2-Sant-Cugat-09.jpg&quot;},{&quot;src&quot;:&quot;https:\\\/\\\/www.garciafaura.com\\\/wp-content\\\/uploads\\\/2019\\\/04\\\/Can-Matas-A2-Sant-Cugat-08.jpg&quot;},{&quot;src&quot;:&quot;https:\\\/\\\/www.garciafaura.com\\\/wp-content\\\/uploads\\\/2019\\\/04\\\/Can-Matas-A2-Sant-Cugat-07.jpg&quot;},{&quot;src&quot;:&quot;https:\\\/\\\/www.garciafaura.com\\\/wp-content\\\/uploads\\\/2019\\\/04\\\/Can-Matas-A2-Sant-Cugat-06.jpg&quot;},{&quot;src&quot;:&quot;https:\\\/\\\/www.garciafaura.com\\\/wp-content\\\/uploads\\\/2019\\\/04\\\/Can-Matas-A2-Sant-Cugat-05.jpg&quot;},{&quot;src&quot;:&quot;https:\\\/\\\/www.garciafaura.com\\\/wp-content\\\/uploads\\\/2019\\\/04\\\/Can-Matas-A2-Sant-Cugat-04.jpg&quot;},{&quot;src&quot;:&quot;https:\\\/\\\/www.garciafaura.com\\\/wp-content\\\/uploads\\\/2019\\\/04\\\/Can-Matas-A2-Sant-Cugat-03.jpg&quot;},{&quot;src&quot;:&quot;https:\\\/\\\/www.garciafaura.com\\\/wp-content\\\/uploads\\\/2019\\\/04\\\/Can-Matas-A2-Sant-Cugat-02.jpg&quot;}]\"><img loading=\"lazy\" decoding=\"async\" data-no-lazy=\"1\" class=\"portfolio-entry-img skip-lazy\" src=\"https:\/\/www.garciafaura.com\/wp-content\/uploads\/2019\/04\/Can-Matas-A2-Sant-Cugat-02-600x314.jpg\" alt='' data-no-retina width=\"600\" height=\"314\" \/><\/a><\/div><div class=\"portfolio-entry-details entry-details wpex-clr\"><h2 class=\"portfolio-entry-title entry-title\"><a href=\"https:\/\/www.garciafaura.com\/en\/portfolio-item\/can-mates-a2-development\/\" title=\"Can Mates A2 development\">Can Mates A2 development<\/a><\/h2><div class=\"portfolio-entry-categories entry-categories wpex-clr\"><a href=\"https:\/\/www.garciafaura.com\/en\/portfolio-category\/residential-complexes\/\" class=\"term-76\">Residential complexes<\/a><\/div><\/div><\/div><\/div><div class=\"portfolio-entry vcex-grid-item entry-has-details span_1_of_3 col col-2 vcex-isotope-entry vcex-no-margin-entry post-21467 entry type-portfolio has-media cat-86 cat-76 translation_priority-15\"><div class=\"portfolio-entry-inner entry-inner wpex-clr\"><div class=\"portfolio-entry-media entry-media wpex-clr\"><a href=\"https:\/\/www.garciafaura.com\/wp-content\/uploads\/2019\/04\/Promocio-Comte-Borrell-02.jpg\" title=\"Comte Borrell development\" class=\"portfolio-entry-media-link wpex-lightbox-gallery\" data-gallery=\"[{&quot;src&quot;:&quot;https:\\\/\\\/www.garciafaura.com\\\/wp-content\\\/uploads\\\/2019\\\/04\\\/Promocio-Comte-Borrell-01.jpg&quot;},{&quot;src&quot;:&quot;https:\\\/\\\/www.garciafaura.com\\\/wp-content\\\/uploads\\\/2019\\\/04\\\/Promocio-Comte-Borrell-08.jpg&quot;},{&quot;src&quot;:&quot;https:\\\/\\\/www.garciafaura.com\\\/wp-content\\\/uploads\\\/2019\\\/04\\\/Promocio-Comte-Borrell-07.jpg&quot;},{&quot;src&quot;:&quot;https:\\\/\\\/www.garciafaura.com\\\/wp-content\\\/uploads\\\/2019\\\/04\\\/Promocio-Comte-Borrell-06.jpg&quot;},{&quot;src&quot;:&quot;https:\\\/\\\/www.garciafaura.com\\\/wp-content\\\/uploads\\\/2019\\\/04\\\/Promocio-Comte-Borrell-05.jpg&quot;},{&quot;src&quot;:&quot;https:\\\/\\\/www.garciafaura.com\\\/wp-content\\\/uploads\\\/2019\\\/04\\\/Promocio-Comte-Borrell-04.jpg&quot;},{&quot;src&quot;:&quot;https:\\\/\\\/www.garciafaura.com\\\/wp-content\\\/uploads\\\/2019\\\/04\\\/Promocio-Comte-Borrell-03.jpg&quot;},{&quot;src&quot;:&quot;https:\\\/\\\/www.garciafaura.com\\\/wp-content\\\/uploads\\\/2019\\\/04\\\/Promocio-Comte-Borrell-02.jpg&quot;}]\"><img loading=\"lazy\" decoding=\"async\" data-no-lazy=\"1\" class=\"portfolio-entry-img skip-lazy\" src=\"https:\/\/www.garciafaura.com\/wp-content\/uploads\/2019\/04\/Promocio-Comte-Borrell-02-600x314.jpg\" alt='' data-no-retina width=\"600\" height=\"314\" \/><\/a><\/div><div class=\"portfolio-entry-details entry-details wpex-clr\"><h2 class=\"portfolio-entry-title entry-title\"><a href=\"https:\/\/www.garciafaura.com\/en\/portfolio-item\/comte-borrell-development\/\" title=\"Comte Borrell development\">Comte Borrell development<\/a><\/h2><div class=\"portfolio-entry-categories entry-categories wpex-clr\"><a href=\"https:\/\/www.garciafaura.com\/en\/portfolio-category\/destacat-residential-complexes\/\" class=\"term-86\">Destacat residential complexes<\/a><\/div><\/div><\/div><\/div><div class=\"portfolio-entry vcex-grid-item entry-has-details span_1_of_3 col col-3 vcex-isotope-entry vcex-no-margin-entry post-21465 entry type-portfolio has-media cat-76 translation_priority-15\"><div class=\"portfolio-entry-inner entry-inner wpex-clr\"><div class=\"portfolio-entry-media entry-media wpex-clr\"><a href=\"https:\/\/www.garciafaura.com\/wp-content\/uploads\/2019\/04\/Residencial-Pineda-Gava\u0300-01.jpg\" title=\"Residential Pineda Gav\u00e0\" class=\"portfolio-entry-media-link wpex-lightbox-gallery\" data-gallery=\"[{&quot;src&quot;:&quot;https:\\\/\\\/www.garciafaura.com\\\/wp-content\\\/uploads\\\/2019\\\/04\\\/Residencial-Pineda-Gava\\u0300-01.jpg&quot;,&quot;title&quot;:&quot;Residencial Pineda Gav\\u00e0&quot;},{&quot;src&quot;:&quot;https:\\\/\\\/www.garciafaura.com\\\/wp-content\\\/uploads\\\/2019\\\/04\\\/Residencial-Pineda-Gava\\u0300-08.jpg&quot;,&quot;title&quot;:&quot;Residencial Pineda Gav\\u00e0&quot;},{&quot;src&quot;:&quot;https:\\\/\\\/www.garciafaura.com\\\/wp-content\\\/uploads\\\/2019\\\/04\\\/Residencial-Pineda-Gava\\u0300-07.jpg&quot;,&quot;title&quot;:&quot;Residencial Pineda Gav\\u00e0&quot;},{&quot;src&quot;:&quot;https:\\\/\\\/www.garciafaura.com\\\/wp-content\\\/uploads\\\/2019\\\/04\\\/Residencial-Pineda-Gava\\u0300-06.jpg&quot;,&quot;title&quot;:&quot;Residencial Pineda Gav\\u00e0&quot;},{&quot;src&quot;:&quot;https:\\\/\\\/www.garciafaura.com\\\/wp-content\\\/uploads\\\/2019\\\/04\\\/Residencial-Pineda-Gava\\u0300-05.jpg&quot;,&quot;title&quot;:&quot;Residencial Pineda Gav\\u00e0&quot;},{&quot;src&quot;:&quot;https:\\\/\\\/www.garciafaura.com\\\/wp-content\\\/uploads\\\/2019\\\/04\\\/Residencial-Pineda-Gava\\u0300-04.jpg&quot;,&quot;title&quot;:&quot;Residencial Pineda Gav\\u00e0&quot;},{&quot;src&quot;:&quot;https:\\\/\\\/www.garciafaura.com\\\/wp-content\\\/uploads\\\/2019\\\/04\\\/Residencial-Pineda-Gava\\u0300-03.jpg&quot;,&quot;title&quot;:&quot;Residencial Pineda Gav\\u00e0&quot;},{&quot;src&quot;:&quot;https:\\\/\\\/www.garciafaura.com\\\/wp-content\\\/uploads\\\/2019\\\/04\\\/Residencial-Pineda-Gava\\u0300-02.jpg&quot;,&quot;title&quot;:&quot;Residencial Pineda Gav\\u00e0&quot;}]\"><img loading=\"lazy\" decoding=\"async\" data-no-lazy=\"1\" class=\"portfolio-entry-img skip-lazy\" src=\"https:\/\/www.garciafaura.com\/wp-content\/uploads\/2019\/04\/Residencial-Pineda-Gava\u0300-01-600x314.jpg\" alt=\"Residencial Pineda Gav\u00e0\" data-no-retina width=\"600\" height=\"314\" \/><\/a><\/div><div class=\"portfolio-entry-details entry-details wpex-clr\"><h2 class=\"portfolio-entry-title entry-title\"><a href=\"https:\/\/www.garciafaura.com\/en\/portfolio-item\/residential-la-pineda\/\" title=\"Residential Pineda Gav\u00e0\">Residential Pineda Gav\u00e0<\/a><\/h2><div class=\"portfolio-entry-categories entry-categories wpex-clr\"><a href=\"https:\/\/www.garciafaura.com\/en\/portfolio-category\/residential-complexes\/\" class=\"term-76\">Residential complexes<\/a><\/div><\/div><\/div><\/div><div class=\"portfolio-entry vcex-grid-item entry-has-details span_1_of_3 col col-1 vcex-isotope-entry vcex-no-margin-entry post-21460 entry type-portfolio has-media cat-76 translation_priority-15\"><div class=\"portfolio-entry-inner entry-inner wpex-clr\"><div class=\"portfolio-entry-media entry-media wpex-clr\"><a href=\"https:\/\/www.garciafaura.com\/wp-content\/uploads\/2019\/10\/13128-01.jpg\" title=\"Mas Llu\u00ed Promotion\" class=\"portfolio-entry-media-link wpex-lightbox-gallery\" data-gallery=\"[{&quot;src&quot;:&quot;https:\\\/\\\/www.garciafaura.com\\\/wp-content\\\/uploads\\\/2019\\\/10\\\/13128-01.jpg&quot;},{&quot;src&quot;:&quot;https:\\\/\\\/www.garciafaura.com\\\/wp-content\\\/uploads\\\/2019\\\/10\\\/13128-10.jpg&quot;},{&quot;src&quot;:&quot;https:\\\/\\\/www.garciafaura.com\\\/wp-content\\\/uploads\\\/2019\\\/10\\\/13128-09.jpg&quot;},{&quot;src&quot;:&quot;https:\\\/\\\/www.garciafaura.com\\\/wp-content\\\/uploads\\\/2019\\\/10\\\/13128-08.jpg&quot;},{&quot;src&quot;:&quot;https:\\\/\\\/www.garciafaura.com\\\/wp-content\\\/uploads\\\/2019\\\/10\\\/13128-07.jpg&quot;},{&quot;src&quot;:&quot;https:\\\/\\\/www.garciafaura.com\\\/wp-content\\\/uploads\\\/2019\\\/10\\\/13128-06.jpg&quot;},{&quot;src&quot;:&quot;https:\\\/\\\/www.garciafaura.com\\\/wp-content\\\/uploads\\\/2019\\\/10\\\/13128-05.jpg&quot;},{&quot;src&quot;:&quot;https:\\\/\\\/www.garciafaura.com\\\/wp-content\\\/uploads\\\/2019\\\/10\\\/13128-04.jpg&quot;},{&quot;src&quot;:&quot;https:\\\/\\\/www.garciafaura.com\\\/wp-content\\\/uploads\\\/2019\\\/10\\\/13128-03.jpg&quot;},{&quot;src&quot;:&quot;https:\\\/\\\/www.garciafaura.com\\\/wp-content\\\/uploads\\\/2019\\\/10\\\/13128-02.jpg&quot;}]\"><img loading=\"lazy\" decoding=\"async\" data-no-lazy=\"1\" class=\"portfolio-entry-img skip-lazy\" src=\"https:\/\/www.garciafaura.com\/wp-content\/uploads\/2019\/10\/13128-01-600x314.jpg\" alt='' data-no-retina width=\"600\" height=\"314\" \/><\/a><\/div><div class=\"portfolio-entry-details entry-details wpex-clr\"><h2 class=\"portfolio-entry-title entry-title\"><a href=\"https:\/\/www.garciafaura.com\/en\/portfolio-item\/mas-lluhi-development\/\" title=\"Mas Llu\u00ed Promotion\">Mas Llu\u00ed Promotion<\/a><\/h2><div class=\"portfolio-entry-categories entry-categories wpex-clr\"><a href=\"https:\/\/www.garciafaura.com\/en\/portfolio-category\/residential-complexes\/\" class=\"term-76\">Residential complexes<\/a><\/div><\/div><\/div><\/div><div class=\"portfolio-entry vcex-grid-item entry-has-details span_1_of_3 col col-2 vcex-isotope-entry vcex-no-margin-entry post-21457 entry type-portfolio has-media cat-86 cat-76 translation_priority-15\"><div class=\"portfolio-entry-inner entry-inner wpex-clr\"><div class=\"portfolio-entry-media entry-media wpex-clr\"><a href=\"https:\/\/www.garciafaura.com\/wp-content\/uploads\/2019\/04\/13112-15.jpg\" title=\"Industria Ponent Badalona development\" class=\"portfolio-entry-media-link wpex-lightbox-gallery\" data-gallery=\"[{&quot;src&quot;:&quot;https:\\\/\\\/www.garciafaura.com\\\/wp-content\\\/uploads\\\/2019\\\/04\\\/13112-01.jpg&quot;},{&quot;src&quot;:&quot;https:\\\/\\\/www.garciafaura.com\\\/wp-content\\\/uploads\\\/2019\\\/04\\\/13112-15.jpg&quot;},{&quot;src&quot;:&quot;https:\\\/\\\/www.garciafaura.com\\\/wp-content\\\/uploads\\\/2019\\\/04\\\/13112-14.jpg&quot;},{&quot;src&quot;:&quot;https:\\\/\\\/www.garciafaura.com\\\/wp-content\\\/uploads\\\/2019\\\/04\\\/13112-13.jpg&quot;},{&quot;src&quot;:&quot;https:\\\/\\\/www.garciafaura.com\\\/wp-content\\\/uploads\\\/2019\\\/04\\\/13112-12.jpg&quot;},{&quot;src&quot;:&quot;https:\\\/\\\/www.garciafaura.com\\\/wp-content\\\/uploads\\\/2019\\\/04\\\/13112-11.jpg&quot;},{&quot;src&quot;:&quot;https:\\\/\\\/www.garciafaura.com\\\/wp-content\\\/uploads\\\/2019\\\/04\\\/13112-10.jpg&quot;},{&quot;src&quot;:&quot;https:\\\/\\\/www.garciafaura.com\\\/wp-content\\\/uploads\\\/2019\\\/04\\\/13112-09.jpg&quot;},{&quot;src&quot;:&quot;https:\\\/\\\/www.garciafaura.com\\\/wp-content\\\/uploads\\\/2019\\\/04\\\/13112-08.jpg&quot;},{&quot;src&quot;:&quot;https:\\\/\\\/www.garciafaura.com\\\/wp-content\\\/uploads\\\/2019\\\/04\\\/13112-07.jpg&quot;},{&quot;src&quot;:&quot;https:\\\/\\\/www.garciafaura.com\\\/wp-content\\\/uploads\\\/2019\\\/04\\\/13112-06.jpg&quot;},{&quot;src&quot;:&quot;https:\\\/\\\/www.garciafaura.com\\\/wp-content\\\/uploads\\\/2019\\\/04\\\/13112-05.jpg&quot;},{&quot;src&quot;:&quot;https:\\\/\\\/www.garciafaura.com\\\/wp-content\\\/uploads\\\/2019\\\/04\\\/13112-04.jpg&quot;},{&quot;src&quot;:&quot;https:\\\/\\\/www.garciafaura.com\\\/wp-content\\\/uploads\\\/2019\\\/04\\\/13112-03.jpg&quot;},{&quot;src&quot;:&quot;https:\\\/\\\/www.garciafaura.com\\\/wp-content\\\/uploads\\\/2019\\\/04\\\/13112-02.jpg&quot;}]\"><img loading=\"lazy\" decoding=\"async\" data-no-lazy=\"1\" class=\"portfolio-entry-img skip-lazy\" src=\"https:\/\/www.garciafaura.com\/wp-content\/uploads\/2019\/04\/13112-15-600x314.jpg\" alt='' data-no-retina width=\"600\" height=\"314\" \/><\/a><\/div><div class=\"portfolio-entry-details entry-details wpex-clr\"><h2 class=\"portfolio-entry-title entry-title\"><a href=\"https:\/\/www.garciafaura.com\/en\/portfolio-item\/industria-ponent-badalona-development\/\" title=\"Industria Ponent Badalona development\">Industria Ponent Badalona development<\/a><\/h2><div class=\"portfolio-entry-categories entry-categories wpex-clr\"><a href=\"https:\/\/www.garciafaura.com\/en\/portfolio-category\/destacat-residential-complexes\/\" class=\"term-86\">Destacat residential complexes<\/a><\/div><\/div><\/div><\/div><div class=\"portfolio-entry vcex-grid-item entry-has-details span_1_of_3 col col-3 vcex-isotope-entry vcex-no-margin-entry post-21081 entry type-portfolio has-media cat-76 translation_priority-15\"><div class=\"portfolio-entry-inner entry-inner wpex-clr\"><div class=\"portfolio-entry-media entry-media wpex-clr\"><a href=\"https:\/\/www.garciafaura.com\/wp-content\/uploads\/2019\/05\/13070-01.jpg\" title=\"Pallaressa Avenue promotion\" class=\"portfolio-entry-media-link wpex-lightbox-gallery\" data-gallery=\"[{&quot;src&quot;:&quot;https:\\\/\\\/www.garciafaura.com\\\/wp-content\\\/uploads\\\/2019\\\/05\\\/13070-01.jpg&quot;,&quot;title&quot;:&quot;Aluminum and glass enclosures in multi-family buildings in Santa Coloma de Gramenet.&quot;},{&quot;src&quot;:&quot;https:\\\/\\\/www.garciafaura.com\\\/wp-content\\\/uploads\\\/2019\\\/05\\\/13070-08.jpg&quot;,&quot;title&quot;:&quot;Aluminum and glass closures in multi-family buildings in Santa Coloma de Gramenet.&quot;},{&quot;src&quot;:&quot;https:\\\/\\\/www.garciafaura.com\\\/wp-content\\\/uploads\\\/2019\\\/05\\\/13070-07.jpg&quot;,&quot;title&quot;:&quot;Aluminum and glass closures in multi-family buildings in Santa Coloma de Gramenet.&quot;},{&quot;src&quot;:&quot;https:\\\/\\\/www.garciafaura.com\\\/wp-content\\\/uploads\\\/2019\\\/05\\\/13070-06.jpg&quot;,&quot;title&quot;:&quot;Aluminum and glass closures in multi-family buildings in Santa Coloma de Gramenet.&quot;},{&quot;src&quot;:&quot;https:\\\/\\\/www.garciafaura.com\\\/wp-content\\\/uploads\\\/2019\\\/05\\\/13070-05.jpg&quot;,&quot;title&quot;:&quot;Aluminum and glass closures in multi-family buildings in Santa Coloma de Gramenet.&quot;},{&quot;src&quot;:&quot;https:\\\/\\\/www.garciafaura.com\\\/wp-content\\\/uploads\\\/2019\\\/05\\\/13070-04.jpg&quot;,&quot;title&quot;:&quot;Aluminum and glass closures in multi-family buildings in Santa Coloma de Gramenet.&quot;},{&quot;src&quot;:&quot;https:\\\/\\\/www.garciafaura.com\\\/wp-content\\\/uploads\\\/2019\\\/05\\\/13070-03.jpg&quot;,&quot;title&quot;:&quot;Aluminum and glass closures in multi-family buildings in Santa Coloma de Gramenet.&quot;},{&quot;src&quot;:&quot;https:\\\/\\\/www.garciafaura.com\\\/wp-content\\\/uploads\\\/2019\\\/05\\\/13070-02.jpg&quot;,&quot;title&quot;:&quot;Aluminum and glass closures in multi-family buildings in Santa Coloma de Gramenet.&quot;}]\"><img loading=\"lazy\" decoding=\"async\" data-no-lazy=\"1\" class=\"portfolio-entry-img skip-lazy\" src=\"https:\/\/www.garciafaura.com\/wp-content\/uploads\/2019\/05\/13070-01-600x314.jpg\" alt=\"Aluminum And Glass Enclosures In Multi-family Buildings In Santa Coloma De Gramenet.\" data-no-retina width=\"600\" height=\"314\" \/><\/a><\/div><div class=\"portfolio-entry-details entry-details wpex-clr\"><h2 class=\"portfolio-entry-title entry-title\"><a href=\"https:\/\/www.garciafaura.com\/en\/portfolio-item\/pallaressa-avenue-promotion\/\" title=\"Pallaressa Avenue promotion\">Pallaressa Avenue promotion<\/a><\/h2><div class=\"portfolio-entry-categories entry-categories wpex-clr\"><a href=\"https:\/\/www.garciafaura.com\/en\/portfolio-category\/residential-complexes\/\" class=\"term-76\">Residential complexes<\/a><\/div><\/div><\/div><\/div><div class=\"portfolio-entry vcex-grid-item entry-has-details span_1_of_3 col col-1 vcex-isotope-entry vcex-no-margin-entry post-20811 entry type-portfolio has-media cat-76 translation_priority-15\"><div class=\"portfolio-entry-inner entry-inner wpex-clr\"><div class=\"portfolio-entry-media entry-media wpex-clr\"><a href=\"https:\/\/www.garciafaura.com\/wp-content\/uploads\/2018\/10\/Promocio\u0301-Vergo\u0301s-03.jpg\" title=\"Verg\u00f3s development\" class=\"portfolio-entry-media-link wpex-lightbox-gallery\" data-gallery=\"[{&quot;src&quot;:&quot;https:\\\/\\\/www.garciafaura.com\\\/wp-content\\\/uploads\\\/2018\\\/10\\\/Promocio\\u0301-Vergo\\u0301s-03.jpg&quot;,&quot;title&quot;:&quot;Enclosures for the new luxury 17-residence development in Barcelona&quot;},{&quot;src&quot;:&quot;https:\\\/\\\/www.garciafaura.com\\\/wp-content\\\/uploads\\\/2018\\\/10\\\/Promocio\\u0301-Vergo\\u0301s-13.jpg&quot;,&quot;title&quot;:&quot;Tancaments en promoci\\u00f3 de 17 habitatges d&#039;alt standing a Barcelona&quot;},{&quot;src&quot;:&quot;https:\\\/\\\/www.garciafaura.com\\\/wp-content\\\/uploads\\\/2018\\\/10\\\/Promocio\\u0301-Vergo\\u0301s-12.jpg&quot;,&quot;title&quot;:&quot;Tancaments en promoci\\u00f3 de 17 habitatges d&#039;alt standing a Barcelona&quot;},{&quot;src&quot;:&quot;https:\\\/\\\/www.garciafaura.com\\\/wp-content\\\/uploads\\\/2018\\\/10\\\/Promocio\\u0301-Vergo\\u0301s-11.jpg&quot;,&quot;title&quot;:&quot;Tancaments en promoci\\u00f3 de 17 habitatges d&#039;alt standing a Barcelona&quot;},{&quot;src&quot;:&quot;https:\\\/\\\/www.garciafaura.com\\\/wp-content\\\/uploads\\\/2018\\\/10\\\/Promocio\\u0301-Vergo\\u0301s-10.jpg&quot;,&quot;title&quot;:&quot;Tancaments en promoci\\u00f3 de 17 habitatges d&#039;alt standing a Barcelona&quot;},{&quot;src&quot;:&quot;https:\\\/\\\/www.garciafaura.com\\\/wp-content\\\/uploads\\\/2018\\\/10\\\/Promocio\\u0301-Vergo\\u0301s-09.jpg&quot;,&quot;title&quot;:&quot;Tancaments en promoci\\u00f3 de 17 habitatges d&#039;alt standing a Barcelona&quot;},{&quot;src&quot;:&quot;https:\\\/\\\/www.garciafaura.com\\\/wp-content\\\/uploads\\\/2018\\\/10\\\/Promocio\\u0301-Vergo\\u0301s-08.jpg&quot;,&quot;title&quot;:&quot;Tancaments en promoci\\u00f3 de 17 habitatges d&#039;alt standing a Barcelona&quot;},{&quot;src&quot;:&quot;https:\\\/\\\/www.garciafaura.com\\\/wp-content\\\/uploads\\\/2018\\\/10\\\/Promocio\\u0301-Vergo\\u0301s-07.jpg&quot;,&quot;title&quot;:&quot;Tancaments en promoci\\u00f3 de 17 habitatges d&#039;alt standing a Barcelona&quot;},{&quot;src&quot;:&quot;https:\\\/\\\/www.garciafaura.com\\\/wp-content\\\/uploads\\\/2018\\\/10\\\/Promocio\\u0301-Vergo\\u0301s-06.jpg&quot;,&quot;title&quot;:&quot;Tancaments en promoci\\u00f3 de 17 habitatges d&#039;alt standing a Barcelona&quot;},{&quot;src&quot;:&quot;https:\\\/\\\/www.garciafaura.com\\\/wp-content\\\/uploads\\\/2018\\\/10\\\/Promocio\\u0301-Vergo\\u0301s-05.jpg&quot;,&quot;title&quot;:&quot;Tancaments en promoci\\u00f3 de 17 habitatges d&#039;alt standing a Barcelona&quot;},{&quot;src&quot;:&quot;https:\\\/\\\/www.garciafaura.com\\\/wp-content\\\/uploads\\\/2018\\\/10\\\/Promocio\\u0301-Vergo\\u0301s-04.jpg&quot;,&quot;title&quot;:&quot;Tancaments en promoci\\u00f3 de 17 habitatges d&#039;alt standing a Barcelona&quot;},{&quot;src&quot;:&quot;https:\\\/\\\/www.garciafaura.com\\\/wp-content\\\/uploads\\\/2018\\\/10\\\/Promocio\\u0301-Vergo\\u0301s-02.jpg&quot;,&quot;title&quot;:&quot;Tancaments en promoci\\u00f3 de 17 habitatges d&#039;alt standing a Barcelona&quot;},{&quot;src&quot;:&quot;https:\\\/\\\/www.garciafaura.com\\\/wp-content\\\/uploads\\\/2018\\\/10\\\/Promocio\\u0301-Vergo\\u0301s-01.jpg&quot;,&quot;title&quot;:&quot;Tancaments en promoci\\u00f3 de 17 habitatges d&#039;alt standing a Barcelona&quot;}]\"><img loading=\"lazy\" decoding=\"async\" data-no-lazy=\"1\" class=\"portfolio-entry-img skip-lazy\" src=\"https:\/\/www.garciafaura.com\/wp-content\/uploads\/2018\/10\/Promocio\u0301-Vergo\u0301s-03-600x314.jpg\" alt=\"Enclosures For The New Luxury 17-residence Development In Barcelona\" data-no-retina width=\"600\" height=\"314\" \/><\/a><\/div><div class=\"portfolio-entry-details entry-details wpex-clr\"><h2 class=\"portfolio-entry-title entry-title\"><a href=\"https:\/\/www.garciafaura.com\/en\/portfolio-item\/vergos-development\/\" title=\"Verg\u00f3s development\">Verg\u00f3s development<\/a><\/h2><div class=\"portfolio-entry-categories entry-categories wpex-clr\"><a href=\"https:\/\/www.garciafaura.com\/en\/portfolio-category\/residential-complexes\/\" class=\"term-76\">Residential complexes<\/a><\/div><\/div><\/div><\/div><div class=\"portfolio-entry vcex-grid-item entry-has-details span_1_of_3 col col-2 vcex-isotope-entry vcex-no-margin-entry post-20809 entry type-portfolio has-media cat-76 translation_priority-15\"><div class=\"portfolio-entry-inner entry-inner wpex-clr\"><div class=\"portfolio-entry-media entry-media wpex-clr\"><a href=\"https:\/\/www.garciafaura.com\/wp-content\/uploads\/2018\/10\/Promocio\u0301-Parc-Tecnolo\u0300gic-Viladecans-02.jpg\" title=\"Viladecans Business Park development\" class=\"portfolio-entry-media-link wpex-lightbox-gallery\" data-gallery=\"[{&quot;src&quot;:&quot;https:\\\/\\\/www.garciafaura.com\\\/wp-content\\\/uploads\\\/2018\\\/10\\\/Promocio\\u0301-Parc-Tecnolo\\u0300gic-Viladecans-02.jpg&quot;,&quot;title&quot;:&quot;Aluminium enclosures and glazing for the Viladecans site&quot;},{&quot;src&quot;:&quot;https:\\\/\\\/www.garciafaura.com\\\/wp-content\\\/uploads\\\/2018\\\/10\\\/Promocio\\u0301-Parc-Tecnolo\\u0300gic-Viladecans-01.jpg&quot;,&quot;title&quot;:&quot;Tancaments d&#039;alumini i vidre d&#039;aquest bloc de Viladecans&quot;},{&quot;src&quot;:&quot;https:\\\/\\\/www.garciafaura.com\\\/wp-content\\\/uploads\\\/2018\\\/10\\\/Promocio\\u0301-Parc-Tecnolo\\u0300gic-Viladecans-03.jpg&quot;,&quot;title&quot;:&quot;Tancaments d&#039;alumini i vidre d&#039;aquest bloc de Viladecans&quot;},{&quot;src&quot;:&quot;https:\\\/\\\/www.garciafaura.com\\\/wp-content\\\/uploads\\\/2018\\\/10\\\/Promocio\\u0301-Parc-Tecnolo\\u0300gic-Viladecans-04.jpg&quot;,&quot;title&quot;:&quot;Tancaments d&#039;alumini i vidre d&#039;aquest bloc de Viladecans&quot;},{&quot;src&quot;:&quot;https:\\\/\\\/www.garciafaura.com\\\/wp-content\\\/uploads\\\/2018\\\/10\\\/Promocio\\u0301-Parc-Tecnolo\\u0300gic-Viladecans-05.jpg&quot;,&quot;title&quot;:&quot;Tancaments d&#039;alumini i vidre d&#039;aquest bloc de Viladecans&quot;},{&quot;src&quot;:&quot;https:\\\/\\\/www.garciafaura.com\\\/wp-content\\\/uploads\\\/2018\\\/10\\\/Promocio\\u0301-Parc-Tecnolo\\u0300gic-Viladecans-06.jpg&quot;,&quot;title&quot;:&quot;Tancaments d&#039;alumini i vidre d&#039;aquest bloc de Viladecans&quot;},{&quot;src&quot;:&quot;https:\\\/\\\/www.garciafaura.com\\\/wp-content\\\/uploads\\\/2018\\\/10\\\/Promocio\\u0301-Parc-Tecnolo\\u0300gic-Viladecans-07.jpg&quot;,&quot;title&quot;:&quot;Tancaments d&#039;alumini i vidre d&#039;aquest bloc de Viladecans&quot;},{&quot;src&quot;:&quot;https:\\\/\\\/www.garciafaura.com\\\/wp-content\\\/uploads\\\/2018\\\/10\\\/Promocio\\u0301-Parc-Tecnolo\\u0300gic-Viladecans-08.jpg&quot;,&quot;title&quot;:&quot;Tancaments d&#039;alumini i vidre d&#039;aquest bloc de Viladecans&quot;},{&quot;src&quot;:&quot;https:\\\/\\\/www.garciafaura.com\\\/wp-content\\\/uploads\\\/2018\\\/10\\\/Promocio\\u0301-Parc-Tecnolo\\u0300gic-Viladecans-09.jpg&quot;,&quot;title&quot;:&quot;Tancaments d&#039;alumini i vidre d&#039;aquest bloc de Viladecans&quot;},{&quot;src&quot;:&quot;https:\\\/\\\/www.garciafaura.com\\\/wp-content\\\/uploads\\\/2018\\\/10\\\/Promocio\\u0301-Parc-Tecnolo\\u0300gic-Viladecans-10.jpg&quot;,&quot;title&quot;:&quot;Tancaments d&#039;alumini i vidre d&#039;aquest bloc de Viladecans&quot;},{&quot;src&quot;:&quot;https:\\\/\\\/www.garciafaura.com\\\/wp-content\\\/uploads\\\/2018\\\/10\\\/Promocio\\u0301-Parc-Tecnolo\\u0300gic-Viladecans-11.jpg&quot;,&quot;title&quot;:&quot;Tancaments d&#039;alumini i vidre d&#039;aquest bloc de Viladecans&quot;},{&quot;src&quot;:&quot;https:\\\/\\\/www.garciafaura.com\\\/wp-content\\\/uploads\\\/2018\\\/10\\\/Promocio\\u0301-Parc-Tecnolo\\u0300gic-Viladecans-12.jpg&quot;,&quot;title&quot;:&quot;Tancaments d&#039;alumini i vidre d&#039;aquest bloc de Viladecans&quot;}]\"><img loading=\"lazy\" decoding=\"async\" data-no-lazy=\"1\" class=\"portfolio-entry-img skip-lazy\" src=\"https:\/\/www.garciafaura.com\/wp-content\/uploads\/2018\/10\/Promocio\u0301-Parc-Tecnolo\u0300gic-Viladecans-02-600x314.jpg\" alt=\"Aluminium Enclosures And Glazing For The Viladecans Site\" data-no-retina width=\"600\" height=\"314\" \/><\/a><\/div><div class=\"portfolio-entry-details entry-details wpex-clr\"><h2 class=\"portfolio-entry-title entry-title\"><a href=\"https:\/\/www.garciafaura.com\/en\/portfolio-item\/viladecans-business-park-development\/\" title=\"Viladecans Business Park development\">Viladecans Business Park development<\/a><\/h2><div class=\"portfolio-entry-categories entry-categories wpex-clr\"><a href=\"https:\/\/www.garciafaura.com\/en\/portfolio-category\/residential-complexes\/\" class=\"term-76\">Residential complexes<\/a><\/div><\/div><\/div><\/div><div class=\"portfolio-entry vcex-grid-item entry-has-details span_1_of_3 col col-3 vcex-isotope-entry vcex-no-margin-entry post-20805 entry type-portfolio has-media cat-76 translation_priority-15\"><div class=\"portfolio-entry-inner entry-inner wpex-clr\"><div class=\"portfolio-entry-media entry-media wpex-clr\"><a href=\"https:\/\/www.garciafaura.com\/wp-content\/uploads\/2018\/10\/Promocio\u0301-Sant-Roc-Badalona-01.jpg\" title=\"Sant Roc development\" class=\"portfolio-entry-media-link wpex-lightbox-gallery\" data-gallery=\"[{&quot;src&quot;:&quot;https:\\\/\\\/www.garciafaura.com\\\/wp-content\\\/uploads\\\/2018\\\/10\\\/Promocio\\u0301-Sant-Roc-Badalona-01.jpg&quot;,&quot;title&quot;:&quot;Enclosures in 28 social housing residences in Badalona&quot;},{&quot;src&quot;:&quot;https:\\\/\\\/www.garciafaura.com\\\/wp-content\\\/uploads\\\/2018\\\/10\\\/Promocio\\u0301-Sant-Roc-Badalona-10.jpg&quot;,&quot;title&quot;:&quot;Tancaments de 28 habitatges de protecci\\u00f3 oficial a Badalona&quot;},{&quot;src&quot;:&quot;https:\\\/\\\/www.garciafaura.com\\\/wp-content\\\/uploads\\\/2018\\\/10\\\/Promocio\\u0301-Sant-Roc-Badalona-09.jpg&quot;,&quot;title&quot;:&quot;Tancaments de 28 habitatges de protecci\\u00f3 oficial a Badalona&quot;},{&quot;src&quot;:&quot;https:\\\/\\\/www.garciafaura.com\\\/wp-content\\\/uploads\\\/2018\\\/10\\\/Promocio\\u0301-Sant-Roc-Badalona-08.jpg&quot;,&quot;title&quot;:&quot;Tancaments de 28 habitatges de protecci\\u00f3 oficial a Badalona&quot;},{&quot;src&quot;:&quot;https:\\\/\\\/www.garciafaura.com\\\/wp-content\\\/uploads\\\/2018\\\/10\\\/Promocio\\u0301-Sant-Roc-Badalona-07.jpg&quot;,&quot;title&quot;:&quot;Tancaments de 28 habitatges de protecci\\u00f3 oficial a Badalona&quot;},{&quot;src&quot;:&quot;https:\\\/\\\/www.garciafaura.com\\\/wp-content\\\/uploads\\\/2018\\\/10\\\/Promocio\\u0301-Sant-Roc-Badalona-06.jpg&quot;,&quot;title&quot;:&quot;Tancaments de 28 habitatges de protecci\\u00f3 oficial a Badalona&quot;},{&quot;src&quot;:&quot;https:\\\/\\\/www.garciafaura.com\\\/wp-content\\\/uploads\\\/2018\\\/10\\\/Promocio\\u0301-Sant-Roc-Badalona-05.jpg&quot;,&quot;title&quot;:&quot;Tancaments de 28 habitatges de protecci\\u00f3 oficial a Badalona&quot;},{&quot;src&quot;:&quot;https:\\\/\\\/www.garciafaura.com\\\/wp-content\\\/uploads\\\/2018\\\/10\\\/Promocio\\u0301-Sant-Roc-Badalona-04.jpg&quot;,&quot;title&quot;:&quot;Tancaments de 28 habitatges de protecci\\u00f3 oficial a Badalona&quot;},{&quot;src&quot;:&quot;https:\\\/\\\/www.garciafaura.com\\\/wp-content\\\/uploads\\\/2018\\\/10\\\/Promocio\\u0301-Sant-Roc-Badalona-03.jpg&quot;,&quot;title&quot;:&quot;Tancaments de 28 habitatges de protecci\\u00f3 oficial a Badalona&quot;},{&quot;src&quot;:&quot;https:\\\/\\\/www.garciafaura.com\\\/wp-content\\\/uploads\\\/2018\\\/10\\\/Promocio\\u0301-Sant-Roc-Badalona-02.jpg&quot;,&quot;title&quot;:&quot;Tancaments de 28 habitatges de protecci\\u00f3 oficial a Badalona&quot;}]\"><img loading=\"lazy\" decoding=\"async\" data-no-lazy=\"1\" class=\"portfolio-entry-img skip-lazy\" src=\"https:\/\/www.garciafaura.com\/wp-content\/uploads\/2018\/10\/Promocio\u0301-Sant-Roc-Badalona-01-600x314.jpg\" alt=\"Enclosures In 28 Social Housing Residences In Badalona\" data-no-retina width=\"600\" height=\"314\" \/><\/a><\/div><div class=\"portfolio-entry-details entry-details wpex-clr\"><h2 class=\"portfolio-entry-title entry-title\"><a href=\"https:\/\/www.garciafaura.com\/en\/portfolio-item\/sant-roc-development\/\" title=\"Sant Roc development\">Sant Roc development<\/a><\/h2><div class=\"portfolio-entry-categories entry-categories wpex-clr\"><a href=\"https:\/\/www.garciafaura.com\/en\/portfolio-category\/residential-complexes\/\" class=\"term-76\">Residential complexes<\/a><\/div><\/div><\/div><\/div><div class=\"portfolio-entry vcex-grid-item entry-has-details span_1_of_3 col col-1 vcex-isotope-entry vcex-no-margin-entry post-20804 entry type-portfolio has-media cat-76 translation_priority-15\"><div class=\"portfolio-entry-inner entry-inner wpex-clr\"><div class=\"portfolio-entry-media entry-media wpex-clr\"><a href=\"https:\/\/www.garciafaura.com\/wp-content\/uploads\/2018\/10\/Promocio\u0301-Constitucio\u0301-Viladecans-01.jpg\" title=\"Constituci\u00f3 development\" class=\"portfolio-entry-media-link wpex-lightbox-gallery\" data-gallery=\"[{&quot;src&quot;:&quot;https:\\\/\\\/www.garciafaura.com\\\/wp-content\\\/uploads\\\/2018\\\/11\\\/Promocio\\u0301-plac\\u0327a-Constitucio\\u0301-Viladecans-01.jpg&quot;,&quot;title&quot;:&quot;Glazed aluminium enclosures in the Viadecans housing development.&quot;},{&quot;src&quot;:&quot;https:\\\/\\\/www.garciafaura.com\\\/wp-content\\\/uploads\\\/2018\\\/10\\\/Promocio\\u0301-Constitucio\\u0301-Viladecans-01.jpg&quot;,&quot;title&quot;:&quot;Glazed aluminium enclosures in the Viadecans housing development.&quot;},{&quot;src&quot;:&quot;https:\\\/\\\/www.garciafaura.com\\\/wp-content\\\/uploads\\\/2018\\\/10\\\/Promocio\\u0301-Constitucio\\u0301-Viladecans-07.jpg&quot;,&quot;title&quot;:&quot;Tancaments d&#039;alumini i vidrieria en promoci\\u00f3 d&#039;habitatges a Viladecans&quot;},{&quot;src&quot;:&quot;https:\\\/\\\/www.garciafaura.com\\\/wp-content\\\/uploads\\\/2018\\\/10\\\/Promocio\\u0301-Constitucio\\u0301-Viladecans-06.jpg&quot;,&quot;title&quot;:&quot;Tancaments d&#039;alumini i vidrieria en promoci\\u00f3 d&#039;habitatges a Viladecans&quot;},{&quot;src&quot;:&quot;https:\\\/\\\/www.garciafaura.com\\\/wp-content\\\/uploads\\\/2018\\\/10\\\/Promocio\\u0301-Constitucio\\u0301-Viladecans-05.jpg&quot;,&quot;title&quot;:&quot;Tancaments d&#039;alumini i vidrieria en promoci\\u00f3 d&#039;habitatges a Viladecans&quot;},{&quot;src&quot;:&quot;https:\\\/\\\/www.garciafaura.com\\\/wp-content\\\/uploads\\\/2018\\\/10\\\/Promocio\\u0301-Constitucio\\u0301-Viladecans-04.jpg&quot;,&quot;title&quot;:&quot;Tancaments d&#039;alumini i vidrieria en promoci\\u00f3 d&#039;habitatges a Viladecans&quot;},{&quot;src&quot;:&quot;https:\\\/\\\/www.garciafaura.com\\\/wp-content\\\/uploads\\\/2018\\\/10\\\/Promocio\\u0301-Constitucio\\u0301-Viladecans-03.jpg&quot;,&quot;title&quot;:&quot;Tancaments d&#039;alumini i vidrieria en promoci\\u00f3 d&#039;habitatges a Viladecans&quot;},{&quot;src&quot;:&quot;https:\\\/\\\/www.garciafaura.com\\\/wp-content\\\/uploads\\\/2018\\\/10\\\/Promocio\\u0301-Constitucio\\u0301-Viladecans-02.jpg&quot;,&quot;title&quot;:&quot;Tancaments d&#039;alumini i vidrieria en promoci\\u00f3 d&#039;habitatges a Viladecans&quot;}]\"><img loading=\"lazy\" decoding=\"async\" data-no-lazy=\"1\" class=\"portfolio-entry-img skip-lazy\" src=\"https:\/\/www.garciafaura.com\/wp-content\/uploads\/2018\/10\/Promocio\u0301-Constitucio\u0301-Viladecans-01-600x314.jpg\" alt=\"Glazed Aluminium Enclosures In The Viadecans Housing Development.\" data-no-retina width=\"600\" height=\"314\" \/><\/a><\/div><div class=\"portfolio-entry-details entry-details wpex-clr\"><h2 class=\"portfolio-entry-title entry-title\"><a href=\"https:\/\/www.garciafaura.com\/en\/portfolio-item\/constitucio-development\/\" title=\"Constituci\u00f3 development\">Constituci\u00f3 development<\/a><\/h2><div class=\"portfolio-entry-categories entry-categories wpex-clr\"><a href=\"https:\/\/www.garciafaura.com\/en\/portfolio-category\/residential-complexes\/\" class=\"term-76\">Residential complexes<\/a><\/div><\/div><\/div><\/div><div class=\"portfolio-entry vcex-grid-item entry-has-details span_1_of_3 col col-2 vcex-isotope-entry vcex-no-margin-entry post-20796 entry type-portfolio has-media cat-76 translation_priority-15\"><div class=\"portfolio-entry-inner entry-inner wpex-clr\"><div class=\"portfolio-entry-media entry-media wpex-clr\"><a href=\"https:\/\/www.garciafaura.com\/wp-content\/uploads\/2018\/10\/Promocio\u0301-Residencial-Moli\u0301-Nou-St-Boi-01.jpg\" title=\"Mol\u00ed Nou residence\" class=\"portfolio-entry-media-link wpex-lightbox-gallery\" data-gallery=\"[{&quot;src&quot;:&quot;https:\\\/\\\/www.garciafaura.com\\\/wp-content\\\/uploads\\\/2018\\\/10\\\/Promocio\\u0301-Residencial-Moli\\u0301-Nou-St-Boi-01.jpg&quot;,&quot;title&quot;:&quot;Housing development in Sant Boi de Llobregat&quot;},{&quot;src&quot;:&quot;https:\\\/\\\/www.garciafaura.com\\\/wp-content\\\/uploads\\\/2018\\\/10\\\/Promocio\\u0301-Residencial-Moli\\u0301-Nou-St-Boi-19.jpg&quot;,&quot;title&quot;:&quot;Promoci\\u00f3 d&#039;habitatges Sant Boi de Llobregat&quot;},{&quot;src&quot;:&quot;https:\\\/\\\/www.garciafaura.com\\\/wp-content\\\/uploads\\\/2018\\\/10\\\/Promocio\\u0301-Residencial-Moli\\u0301-Nou-St-Boi-18.jpg&quot;,&quot;title&quot;:&quot;Promoci\\u00f3 d&#039;habitatges Sant Boi de Llobregat&quot;},{&quot;src&quot;:&quot;https:\\\/\\\/www.garciafaura.com\\\/wp-content\\\/uploads\\\/2018\\\/10\\\/Promocio\\u0301-Residencial-Moli\\u0301-Nou-St-Boi-17.jpg&quot;,&quot;title&quot;:&quot;Promoci\\u00f3 d&#039;habitatges Sant Boi de Llobregat&quot;},{&quot;src&quot;:&quot;https:\\\/\\\/www.garciafaura.com\\\/wp-content\\\/uploads\\\/2018\\\/10\\\/Promocio\\u0301-Residencial-Moli\\u0301-Nou-St-Boi-16.jpg&quot;,&quot;title&quot;:&quot;Promoci\\u00f3 d&#039;habitatges Sant Boi de Llobregat&quot;},{&quot;src&quot;:&quot;https:\\\/\\\/www.garciafaura.com\\\/wp-content\\\/uploads\\\/2018\\\/10\\\/Promocio\\u0301-Residencial-Moli\\u0301-Nou-St-Boi-15.jpg&quot;,&quot;title&quot;:&quot;Promoci\\u00f3 d&#039;habitatges Sant Boi de Llobregat&quot;},{&quot;src&quot;:&quot;https:\\\/\\\/www.garciafaura.com\\\/wp-content\\\/uploads\\\/2018\\\/10\\\/Promocio\\u0301-Residencial-Moli\\u0301-Nou-St-Boi-14.jpg&quot;,&quot;title&quot;:&quot;Promoci\\u00f3 d&#039;habitatges Sant Boi de Llobregat&quot;},{&quot;src&quot;:&quot;https:\\\/\\\/www.garciafaura.com\\\/wp-content\\\/uploads\\\/2018\\\/10\\\/Promocio\\u0301-Residencial-Moli\\u0301-Nou-St-Boi-13.jpg&quot;,&quot;title&quot;:&quot;Promoci\\u00f3 d&#039;habitatges Sant Boi de Llobregat&quot;},{&quot;src&quot;:&quot;https:\\\/\\\/www.garciafaura.com\\\/wp-content\\\/uploads\\\/2018\\\/10\\\/Promocio\\u0301-Residencial-Moli\\u0301-Nou-St-Boi-12.jpg&quot;,&quot;title&quot;:&quot;Promoci\\u00f3 d&#039;habitatges Sant Boi de Llobregat&quot;},{&quot;src&quot;:&quot;https:\\\/\\\/www.garciafaura.com\\\/wp-content\\\/uploads\\\/2018\\\/10\\\/Promocio\\u0301-Residencial-Moli\\u0301-Nou-St-Boi-11.jpg&quot;,&quot;title&quot;:&quot;Promoci\\u00f3 d&#039;habitatges Sant Boi de Llobregat&quot;},{&quot;src&quot;:&quot;https:\\\/\\\/www.garciafaura.com\\\/wp-content\\\/uploads\\\/2018\\\/10\\\/Promocio\\u0301-Residencial-Moli\\u0301-Nou-St-Boi-10.jpg&quot;,&quot;title&quot;:&quot;Promoci\\u00f3 d&#039;habitatges Sant Boi de Llobregat&quot;},{&quot;src&quot;:&quot;https:\\\/\\\/www.garciafaura.com\\\/wp-content\\\/uploads\\\/2018\\\/10\\\/Promocio\\u0301-Residencial-Moli\\u0301-Nou-St-Boi-09.jpg&quot;,&quot;title&quot;:&quot;Promoci\\u00f3 d&#039;habitatges Sant Boi de Llobregat&quot;},{&quot;src&quot;:&quot;https:\\\/\\\/www.garciafaura.com\\\/wp-content\\\/uploads\\\/2018\\\/10\\\/Promocio\\u0301-Residencial-Moli\\u0301-Nou-St-Boi-08.jpg&quot;,&quot;title&quot;:&quot;Promoci\\u00f3 d&#039;habitatges Sant Boi de Llobregat&quot;},{&quot;src&quot;:&quot;https:\\\/\\\/www.garciafaura.com\\\/wp-content\\\/uploads\\\/2018\\\/10\\\/Promocio\\u0301-Residencial-Moli\\u0301-Nou-St-Boi-07.jpg&quot;,&quot;title&quot;:&quot;Promoci\\u00f3 d&#039;habitatges Sant Boi de Llobregat&quot;},{&quot;src&quot;:&quot;https:\\\/\\\/www.garciafaura.com\\\/wp-content\\\/uploads\\\/2018\\\/10\\\/Promocio\\u0301-Residencial-Moli\\u0301-Nou-St-Boi-06.jpg&quot;,&quot;title&quot;:&quot;Promoci\\u00f3 d&#039;habitatges Sant Boi de Llobregat&quot;},{&quot;src&quot;:&quot;https:\\\/\\\/www.garciafaura.com\\\/wp-content\\\/uploads\\\/2018\\\/10\\\/Promocio\\u0301-Residencial-Moli\\u0301-Nou-St-Boi-05.jpg&quot;,&quot;title&quot;:&quot;Promoci\\u00f3 d&#039;habitatges Sant Boi de Llobregat&quot;},{&quot;src&quot;:&quot;https:\\\/\\\/www.garciafaura.com\\\/wp-content\\\/uploads\\\/2018\\\/10\\\/Promocio\\u0301-Residencial-Moli\\u0301-Nou-St-Boi-04.jpg&quot;,&quot;title&quot;:&quot;Promoci\\u00f3 d&#039;habitatges Sant Boi de Llobregat&quot;},{&quot;src&quot;:&quot;https:\\\/\\\/www.garciafaura.com\\\/wp-content\\\/uploads\\\/2018\\\/10\\\/Promocio\\u0301-Residencial-Moli\\u0301-Nou-St-Boi-03.jpg&quot;,&quot;title&quot;:&quot;Promoci\\u00f3 d&#039;habitatges Sant Boi de Llobregat&quot;},{&quot;src&quot;:&quot;https:\\\/\\\/www.garciafaura.com\\\/wp-content\\\/uploads\\\/2018\\\/10\\\/Promocio\\u0301-Residencial-Moli\\u0301-Nou-St-Boi-02.jpg&quot;,&quot;title&quot;:&quot;Promoci\\u00f3 d&#039;habitatges Sant Boi de Llobregat&quot;}]\"><img loading=\"lazy\" decoding=\"async\" data-no-lazy=\"1\" class=\"portfolio-entry-img skip-lazy\" src=\"https:\/\/www.garciafaura.com\/wp-content\/uploads\/2018\/10\/Promocio\u0301-Residencial-Moli\u0301-Nou-St-Boi-01-600x314.jpg\" alt=\"Housing Development In Sant Boi De Llobregat\" data-no-retina width=\"600\" height=\"314\" \/><\/a><\/div><div class=\"portfolio-entry-details entry-details wpex-clr\"><h2 class=\"portfolio-entry-title entry-title\"><a href=\"https:\/\/www.garciafaura.com\/en\/portfolio-item\/moli-nou-residence\/\" title=\"Mol\u00ed Nou residence\">Mol\u00ed Nou residence<\/a><\/h2><div class=\"portfolio-entry-categories entry-categories wpex-clr\"><a href=\"https:\/\/www.garciafaura.com\/en\/portfolio-category\/residential-complexes\/\" class=\"term-76\">Residential complexes<\/a><\/div><\/div><\/div><\/div><div class=\"portfolio-entry vcex-grid-item entry-has-details span_1_of_3 col col-3 vcex-isotope-entry vcex-no-margin-entry post-20794 entry type-portfolio has-media cat-76 translation_priority-15\"><div class=\"portfolio-entry-inner entry-inner wpex-clr\"><div class=\"portfolio-entry-media entry-media wpex-clr\"><a href=\"https:\/\/www.garciafaura.com\/wp-content\/uploads\/2018\/10\/Residencial-Les-Masies-Sant-Joan-Despi\u0301-01.jpg\" title=\"Les Masies residence\" class=\"portfolio-entry-media-link wpex-lightbox-gallery\" data-gallery=\"[{&quot;src&quot;:&quot;https:\\\/\\\/www.garciafaura.com\\\/wp-content\\\/uploads\\\/2018\\\/10\\\/Residencial-Les-Masies-Sant-Joan-Despi\\u0301-01.jpg&quot;,&quot;title&quot;:&quot;Enclosures for 103 residences in Sant Joan Desp\\u00ed&quot;},{&quot;src&quot;:&quot;https:\\\/\\\/www.garciafaura.com\\\/wp-content\\\/uploads\\\/2018\\\/10\\\/Residencial-Les-Masies-Sant-Joan-Despi\\u0301-17.jpg&quot;,&quot;title&quot;:&quot;Tancaments per 103 habitatges a Sant Joan Desp\\u00ed&quot;},{&quot;src&quot;:&quot;https:\\\/\\\/www.garciafaura.com\\\/wp-content\\\/uploads\\\/2018\\\/10\\\/Residencial-Les-Masies-Sant-Joan-Despi\\u0301-16.jpg&quot;,&quot;title&quot;:&quot;Tancaments per 103 habitatges a Sant Joan Desp\\u00ed&quot;},{&quot;src&quot;:&quot;https:\\\/\\\/www.garciafaura.com\\\/wp-content\\\/uploads\\\/2018\\\/10\\\/Residencial-Les-Masies-Sant-Joan-Despi\\u0301-15.jpg&quot;,&quot;title&quot;:&quot;Tancaments per 103 habitatges a Sant Joan Desp\\u00ed&quot;},{&quot;src&quot;:&quot;https:\\\/\\\/www.garciafaura.com\\\/wp-content\\\/uploads\\\/2018\\\/10\\\/Residencial-Les-Masies-Sant-Joan-Despi\\u0301-14.jpg&quot;,&quot;title&quot;:&quot;Tancaments per 103 habitatges a Sant Joan Desp\\u00ed&quot;},{&quot;src&quot;:&quot;https:\\\/\\\/www.garciafaura.com\\\/wp-content\\\/uploads\\\/2018\\\/10\\\/Residencial-Les-Masies-Sant-Joan-Despi\\u0301-13.jpg&quot;,&quot;title&quot;:&quot;Tancaments per 103 habitatges a Sant Joan Desp\\u00ed&quot;},{&quot;src&quot;:&quot;https:\\\/\\\/www.garciafaura.com\\\/wp-content\\\/uploads\\\/2018\\\/10\\\/Residencial-Les-Masies-Sant-Joan-Despi\\u0301-12.jpg&quot;,&quot;title&quot;:&quot;Tancaments per 103 habitatges a Sant Joan Desp\\u00ed&quot;},{&quot;src&quot;:&quot;https:\\\/\\\/www.garciafaura.com\\\/wp-content\\\/uploads\\\/2018\\\/10\\\/Residencial-Les-Masies-Sant-Joan-Despi\\u0301-11.jpg&quot;,&quot;title&quot;:&quot;Tancaments per 103 habitatges a Sant Joan Desp\\u00ed&quot;},{&quot;src&quot;:&quot;https:\\\/\\\/www.garciafaura.com\\\/wp-content\\\/uploads\\\/2018\\\/10\\\/Residencial-Les-Masies-Sant-Joan-Despi\\u0301-10.jpg&quot;,&quot;title&quot;:&quot;Tancaments per 103 habitatges a Sant Joan Desp\\u00ed&quot;},{&quot;src&quot;:&quot;https:\\\/\\\/www.garciafaura.com\\\/wp-content\\\/uploads\\\/2018\\\/10\\\/Residencial-Les-Masies-Sant-Joan-Despi\\u0301-09.jpg&quot;,&quot;title&quot;:&quot;Tancaments per 103 habitatges a Sant Joan Desp\\u00ed&quot;},{&quot;src&quot;:&quot;https:\\\/\\\/www.garciafaura.com\\\/wp-content\\\/uploads\\\/2018\\\/10\\\/Residencial-Les-Masies-Sant-Joan-Despi\\u0301-08.jpg&quot;,&quot;title&quot;:&quot;Tancaments per 103 habitatges a Sant Joan Desp\\u00ed&quot;},{&quot;src&quot;:&quot;https:\\\/\\\/www.garciafaura.com\\\/wp-content\\\/uploads\\\/2018\\\/10\\\/Residencial-Les-Masies-Sant-Joan-Despi\\u0301-07.jpg&quot;,&quot;title&quot;:&quot;Tancaments per 103 habitatges a Sant Joan Desp\\u00ed&quot;},{&quot;src&quot;:&quot;https:\\\/\\\/www.garciafaura.com\\\/wp-content\\\/uploads\\\/2018\\\/10\\\/Residencial-Les-Masies-Sant-Joan-Despi\\u0301-06.jpg&quot;,&quot;title&quot;:&quot;Tancaments per 103 habitatges a Sant Joan Desp\\u00ed&quot;},{&quot;src&quot;:&quot;https:\\\/\\\/www.garciafaura.com\\\/wp-content\\\/uploads\\\/2018\\\/10\\\/Residencial-Les-Masies-Sant-Joan-Despi\\u0301-05.jpg&quot;,&quot;title&quot;:&quot;Tancaments per 103 habitatges a Sant Joan Desp\\u00ed&quot;},{&quot;src&quot;:&quot;https:\\\/\\\/www.garciafaura.com\\\/wp-content\\\/uploads\\\/2018\\\/10\\\/Residencial-Les-Masies-Sant-Joan-Despi\\u0301-04.jpg&quot;,&quot;title&quot;:&quot;Tancaments per 103 habitatges a Sant Joan Desp\\u00ed&quot;},{&quot;src&quot;:&quot;https:\\\/\\\/www.garciafaura.com\\\/wp-content\\\/uploads\\\/2018\\\/10\\\/Residencial-Les-Masies-Sant-Joan-Despi\\u0301-03.jpg&quot;,&quot;title&quot;:&quot;Tancaments per 103 habitatges a Sant Joan Desp\\u00ed&quot;},{&quot;src&quot;:&quot;https:\\\/\\\/www.garciafaura.com\\\/wp-content\\\/uploads\\\/2018\\\/10\\\/Residencial-Les-Masies-Sant-Joan-Despi\\u0301-02.jpg&quot;,&quot;title&quot;:&quot;Tancaments per 103 habitatges a Sant Joan Desp\\u00ed&quot;}]\"><img loading=\"lazy\" decoding=\"async\" data-no-lazy=\"1\" class=\"portfolio-entry-img skip-lazy\" src=\"https:\/\/www.garciafaura.com\/wp-content\/uploads\/2018\/10\/Residencial-Les-Masies-Sant-Joan-Despi\u0301-01-600x314.jpg\" alt=\"Enclosures For 103 Residences In Sant Joan Desp\u00ed\" data-no-retina width=\"600\" height=\"314\" \/><\/a><\/div><div class=\"portfolio-entry-details entry-details wpex-clr\"><h2 class=\"portfolio-entry-title entry-title\"><a href=\"https:\/\/www.garciafaura.com\/en\/portfolio-item\/les-masies-residence\/\" title=\"Les Masies residence\">Les Masies residence<\/a><\/h2><div class=\"portfolio-entry-categories entry-categories wpex-clr\"><a href=\"https:\/\/www.garciafaura.com\/en\/portfolio-category\/residential-complexes\/\" class=\"term-76\">Residential complexes<\/a><\/div><\/div><\/div><\/div><div class=\"portfolio-entry vcex-grid-item entry-has-details span_1_of_3 col col-1 vcex-isotope-entry vcex-no-margin-entry post-20793 entry type-portfolio has-media cat-76 translation_priority-15\"><div class=\"portfolio-entry-inner entry-inner wpex-clr\"><div class=\"portfolio-entry-media entry-media wpex-clr\"><a href=\"https:\/\/www.garciafaura.com\/wp-content\/uploads\/2018\/10\/Promocio\u0301-La-Sagrera-06.jpg\" title=\"La Sagrera development\" class=\"portfolio-entry-media-link wpex-lightbox-gallery\" data-gallery=\"[{&quot;src&quot;:&quot;https:\\\/\\\/www.garciafaura.com\\\/wp-content\\\/uploads\\\/2018\\\/10\\\/Promocio\\u0301-La-Sagrera-05.jpg&quot;,&quot;title&quot;:&quot;Tancaments d&#039;alumini i vidre\\u00a0per a 82 habitatges a Barcelona&quot;},{&quot;src&quot;:&quot;https:\\\/\\\/www.garciafaura.com\\\/wp-content\\\/uploads\\\/2018\\\/10\\\/Promocio\\u0301-La-Sagrera-04.jpg&quot;,&quot;title&quot;:&quot;Tancaments d&#039;alumini i vidre\\u00a0per a 82 habitatges a Barcelona&quot;},{&quot;src&quot;:&quot;https:\\\/\\\/www.garciafaura.com\\\/wp-content\\\/uploads\\\/2018\\\/10\\\/Promocio\\u0301-La-Sagrera-03.jpg&quot;,&quot;title&quot;:&quot;Tancaments d&#039;alumini i vidre\\u00a0per a 82 habitatges a Barcelona&quot;},{&quot;src&quot;:&quot;https:\\\/\\\/www.garciafaura.com\\\/wp-content\\\/uploads\\\/2018\\\/10\\\/Promocio\\u0301-La-Sagrera-02.jpg&quot;,&quot;title&quot;:&quot;Tancaments d&#039;alumini i vidre\\u00a0per a 82 habitatges a Barcelona&quot;},{&quot;src&quot;:&quot;https:\\\/\\\/www.garciafaura.com\\\/wp-content\\\/uploads\\\/2018\\\/10\\\/Promocio\\u0301-La-Sagrera-01.jpg&quot;,&quot;title&quot;:&quot;Tancaments d&#039;alumini i vidre\\u00a0per a 82 habitatges a Barcelona&quot;},{&quot;src&quot;:&quot;https:\\\/\\\/www.garciafaura.com\\\/wp-content\\\/uploads\\\/2018\\\/10\\\/Promocio\\u0301-La-Sagrera-06.jpg&quot;,&quot;title&quot;:&quot;Aluminium and glazed enclosures for 82 residences in Barcelona.&quot;}]\"><img loading=\"lazy\" decoding=\"async\" data-no-lazy=\"1\" class=\"portfolio-entry-img skip-lazy\" src=\"https:\/\/www.garciafaura.com\/wp-content\/uploads\/2018\/10\/Promocio\u0301-La-Sagrera-06-600x314.jpg\" alt=\"Aluminium And Glazed Enclosures For 82 Residences In Barcelona.\" data-no-retina width=\"600\" height=\"314\" \/><\/a><\/div><div class=\"portfolio-entry-details entry-details wpex-clr\"><h2 class=\"portfolio-entry-title entry-title\"><a href=\"https:\/\/www.garciafaura.com\/en\/portfolio-item\/la-sagrera-development\/\" title=\"La Sagrera development\">La Sagrera development<\/a><\/h2><div class=\"portfolio-entry-categories entry-categories wpex-clr\"><a href=\"https:\/\/www.garciafaura.com\/en\/portfolio-category\/residential-complexes\/\" class=\"term-76\">Residential complexes<\/a><\/div><\/div><\/div><\/div><div class=\"portfolio-entry vcex-grid-item entry-has-details span_1_of_3 col col-2 vcex-isotope-entry vcex-no-margin-entry post-20790 entry type-portfolio has-media cat-76 translation_priority-15\"><div class=\"portfolio-entry-inner entry-inner wpex-clr\"><div class=\"portfolio-entry-media entry-media wpex-clr\"><a href=\"https:\/\/www.garciafaura.com\/wp-content\/uploads\/2018\/10\/Promocio-Sant-Cugat-05.jpg\" title=\"Sant Cugat development\" class=\"portfolio-entry-media-link wpex-lightbox-gallery\" data-gallery=\"[{&quot;src&quot;:&quot;https:\\\/\\\/www.garciafaura.com\\\/wp-content\\\/uploads\\\/2018\\\/10\\\/Promocio-Sant-Cugat-05.jpg&quot;,&quot;title&quot;:&quot;Enclosures for the residential development at Sant Cugat del Vall\\u00e8s.&quot;},{&quot;src&quot;:&quot;https:\\\/\\\/www.garciafaura.com\\\/wp-content\\\/uploads\\\/2018\\\/10\\\/Promocio-Sant-Cugat-07.jpg&quot;,&quot;title&quot;:&quot;Tancaments en promoci\\u00f3 d&#039;habitatge a Sant Cugat del Vall\\u00e8s&quot;},{&quot;src&quot;:&quot;https:\\\/\\\/www.garciafaura.com\\\/wp-content\\\/uploads\\\/2018\\\/10\\\/Promocio-Sant-Cugat-06.jpg&quot;,&quot;title&quot;:&quot;Tancaments en promoci\\u00f3 d&#039;habitatge a Sant Cugat del Vall\\u00e8s&quot;},{&quot;src&quot;:&quot;https:\\\/\\\/www.garciafaura.com\\\/wp-content\\\/uploads\\\/2018\\\/10\\\/Promocio-Sant-Cugat-04.jpg&quot;,&quot;title&quot;:&quot;Tancaments en promoci\\u00f3 d&#039;habitatge a Sant Cugat del Vall\\u00e8s&quot;},{&quot;src&quot;:&quot;https:\\\/\\\/www.garciafaura.com\\\/wp-content\\\/uploads\\\/2018\\\/10\\\/Promocio-Sant-Cugat-03.jpg&quot;,&quot;title&quot;:&quot;Tancaments en promoci\\u00f3 d&#039;habitatge a Sant Cugat del Vall\\u00e8s&quot;},{&quot;src&quot;:&quot;https:\\\/\\\/www.garciafaura.com\\\/wp-content\\\/uploads\\\/2018\\\/10\\\/Promocio-Sant-Cugat-02.jpg&quot;,&quot;title&quot;:&quot;Tancaments en promoci\\u00f3 d&#039;habitatge a Sant Cugat del Vall\\u00e8s&quot;},{&quot;src&quot;:&quot;https:\\\/\\\/www.garciafaura.com\\\/wp-content\\\/uploads\\\/2018\\\/10\\\/Promocio-Sant-Cugat-01.jpg&quot;,&quot;title&quot;:&quot;Tancaments en promoci\\u00f3 d&#039;habitatge a Sant Cugat del Vall\\u00e8s&quot;}]\"><img loading=\"lazy\" decoding=\"async\" data-no-lazy=\"1\" class=\"portfolio-entry-img skip-lazy\" src=\"https:\/\/www.garciafaura.com\/wp-content\/uploads\/2018\/10\/Promocio-Sant-Cugat-05-600x314.jpg\" alt=\"Enclosures For The Residential Development At Sant Cugat Del Vall\u00e8s.\" data-no-retina width=\"600\" height=\"314\" \/><\/a><\/div><div class=\"portfolio-entry-details entry-details wpex-clr\"><h2 class=\"portfolio-entry-title entry-title\"><a href=\"https:\/\/www.garciafaura.com\/en\/portfolio-item\/sant-cugat-development\/\" title=\"Sant Cugat development\">Sant Cugat development<\/a><\/h2><div class=\"portfolio-entry-categories entry-categories wpex-clr\"><a href=\"https:\/\/www.garciafaura.com\/en\/portfolio-category\/residential-complexes\/\" class=\"term-76\">Residential complexes<\/a><\/div><\/div><\/div><\/div><div class=\"portfolio-entry vcex-grid-item entry-has-details span_1_of_3 col col-3 vcex-isotope-entry vcex-no-margin-entry post-20791 entry type-portfolio has-media cat-76 translation_priority-15\"><div class=\"portfolio-entry-inner entry-inner wpex-clr\"><div class=\"portfolio-entry-media entry-media wpex-clr\"><a href=\"https:\/\/www.garciafaura.com\/wp-content\/uploads\/2018\/10\/Promocio-Vico-Freixa-07.jpg\" title=\"Vico Freixa development\" class=\"portfolio-entry-media-link wpex-lightbox-gallery\" data-gallery=\"[{&quot;src&quot;:&quot;https:\\\/\\\/www.garciafaura.com\\\/wp-content\\\/uploads\\\/2018\\\/10\\\/Promocio-Vico-Freixa-06.jpg&quot;,&quot;title&quot;:&quot;Tancaments i proteccions solars en promoci\\u00f3 residencial&quot;},{&quot;src&quot;:&quot;https:\\\/\\\/www.garciafaura.com\\\/wp-content\\\/uploads\\\/2018\\\/10\\\/Promocio-Vico-Freixa-07.jpg&quot;,&quot;title&quot;:&quot;Enclosures and solar protection for a residential development.&quot;},{&quot;src&quot;:&quot;https:\\\/\\\/www.garciafaura.com\\\/wp-content\\\/uploads\\\/2018\\\/10\\\/Promocio-Vico-Freixa-05.jpg&quot;,&quot;title&quot;:&quot;Tancaments i proteccions solars en promoci\\u00f3 residencial&quot;},{&quot;src&quot;:&quot;https:\\\/\\\/www.garciafaura.com\\\/wp-content\\\/uploads\\\/2018\\\/10\\\/Promocio-Vico-Freixa-04.jpg&quot;,&quot;title&quot;:&quot;Tancaments i proteccions solars en promoci\\u00f3 residencial&quot;},{&quot;src&quot;:&quot;https:\\\/\\\/www.garciafaura.com\\\/wp-content\\\/uploads\\\/2018\\\/10\\\/Promocio-Vico-Freixa-03.jpg&quot;,&quot;title&quot;:&quot;Tancaments i proteccions solars en promoci\\u00f3 residencial&quot;},{&quot;src&quot;:&quot;https:\\\/\\\/www.garciafaura.com\\\/wp-content\\\/uploads\\\/2018\\\/10\\\/Promocio-Vico-Freixa-02.jpg&quot;,&quot;title&quot;:&quot;Tancaments i proteccions solars en promoci\\u00f3 residencial&quot;},{&quot;src&quot;:&quot;https:\\\/\\\/www.garciafaura.com\\\/wp-content\\\/uploads\\\/2018\\\/10\\\/Promocio-Vico-Freixa-01.jpg&quot;,&quot;title&quot;:&quot;Tancaments i proteccions solars en promoci\\u00f3 residencial&quot;}]\"><img loading=\"lazy\" decoding=\"async\" data-no-lazy=\"1\" class=\"portfolio-entry-img skip-lazy\" src=\"https:\/\/www.garciafaura.com\/wp-content\/uploads\/2018\/10\/Promocio-Vico-Freixa-07-600x314.jpg\" alt=\"Enclosures And Solar Protection For A Residential Development.\" data-no-retina width=\"600\" height=\"314\" \/><\/a><\/div><div class=\"portfolio-entry-details entry-details wpex-clr\"><h2 class=\"portfolio-entry-title entry-title\"><a href=\"https:\/\/www.garciafaura.com\/en\/portfolio-item\/vico-freixa-development\/\" title=\"Vico Freixa development\">Vico Freixa development<\/a><\/h2><div class=\"portfolio-entry-categories entry-categories wpex-clr\"><a href=\"https:\/\/www.garciafaura.com\/en\/portfolio-category\/residential-complexes\/\" class=\"term-76\">Residential complexes<\/a><\/div><\/div><\/div><\/div><div class=\"portfolio-entry vcex-grid-item entry-has-details span_1_of_3 col col-1 vcex-isotope-entry vcex-no-margin-entry post-20788 entry type-portfolio has-media cat-76 translation_priority-15\"><div class=\"portfolio-entry-inner entry-inner wpex-clr\"><div class=\"portfolio-entry-media entry-media wpex-clr\"><a href=\"https:\/\/www.garciafaura.com\/wp-content\/uploads\/2018\/10\/Promocio-Pare-Claret-05.jpg\" title=\"Pare Claret development\" class=\"portfolio-entry-media-link wpex-lightbox-gallery\" data-gallery=\"[{&quot;src&quot;:&quot;https:\\\/\\\/www.garciafaura.com\\\/wp-content\\\/uploads\\\/2018\\\/10\\\/Promocio-Pare-Claret-05.jpg&quot;,&quot;title&quot;:&quot;Enclosures for residences in the Eixample suburb of Barcelona&quot;},{&quot;src&quot;:&quot;https:\\\/\\\/www.garciafaura.com\\\/wp-content\\\/uploads\\\/2018\\\/10\\\/Promocio-Pare-Claret-07.jpg&quot;,&quot;title&quot;:&quot;Tancaments per a habitatges al Barri de l&#039;Eixample de Barcelona&quot;},{&quot;src&quot;:&quot;https:\\\/\\\/www.garciafaura.com\\\/wp-content\\\/uploads\\\/2018\\\/10\\\/Promocio-Pare-Claret-06.jpg&quot;,&quot;title&quot;:&quot;Tancaments per a habitatges al Barri de l&#039;Eixample de Barcelona&quot;},{&quot;src&quot;:&quot;https:\\\/\\\/www.garciafaura.com\\\/wp-content\\\/uploads\\\/2018\\\/10\\\/Promocio-Pare-Claret-03.jpg&quot;,&quot;title&quot;:&quot;Tancaments per a habitatges al Barri de l&#039;Eixample de Barcelona&quot;},{&quot;src&quot;:&quot;https:\\\/\\\/www.garciafaura.com\\\/wp-content\\\/uploads\\\/2018\\\/10\\\/Promocio-Pare-Claret-04.jpg&quot;,&quot;title&quot;:&quot;Tancaments per a habitatges al Barri de l&#039;Eixample de Barcelona&quot;},{&quot;src&quot;:&quot;https:\\\/\\\/www.garciafaura.com\\\/wp-content\\\/uploads\\\/2018\\\/10\\\/Promocio-Pare-Claret-02.jpg&quot;,&quot;title&quot;:&quot;Tancaments per a habitatges al Barri de l&#039;Eixample de Barcelona&quot;},{&quot;src&quot;:&quot;https:\\\/\\\/www.garciafaura.com\\\/wp-content\\\/uploads\\\/2018\\\/10\\\/Promocio-Pare-Claret-01.jpg&quot;,&quot;title&quot;:&quot;Tancaments per a habitatges al Barri de l&#039;Eixample de Barcelona&quot;}]\"><img loading=\"lazy\" decoding=\"async\" data-no-lazy=\"1\" class=\"portfolio-entry-img skip-lazy\" src=\"https:\/\/www.garciafaura.com\/wp-content\/uploads\/2018\/10\/Promocio-Pare-Claret-05-600x314.jpg\" alt=\"Enclosures For Residences In The Eixample Suburb Of Barcelona\" data-no-retina width=\"600\" height=\"314\" \/><\/a><\/div><div class=\"portfolio-entry-details entry-details wpex-clr\"><h2 class=\"portfolio-entry-title entry-title\"><a href=\"https:\/\/www.garciafaura.com\/en\/portfolio-item\/pare-claret-development\/\" title=\"Pare Claret development\">Pare Claret development<\/a><\/h2><div class=\"portfolio-entry-categories entry-categories wpex-clr\"><a href=\"https:\/\/www.garciafaura.com\/en\/portfolio-category\/residential-complexes\/\" class=\"term-76\">Residential complexes<\/a><\/div><\/div><\/div><\/div><div class=\"portfolio-entry vcex-grid-item entry-has-details span_1_of_3 col col-2 vcex-isotope-entry vcex-no-margin-entry post-20789 entry type-portfolio has-media cat-76 translation_priority-15\"><div class=\"portfolio-entry-inner entry-inner wpex-clr\"><div class=\"portfolio-entry-media entry-media wpex-clr\"><a href=\"https:\/\/www.garciafaura.com\/wp-content\/uploads\/2018\/10\/Promocio-Doctor-Iban\u0303ez-01.jpg\" title=\"Doctor Ib\u00e1\u00f1ez development\" class=\"portfolio-entry-media-link wpex-lightbox-gallery\" data-gallery=\"[{&quot;src&quot;:&quot;https:\\\/\\\/www.garciafaura.com\\\/wp-content\\\/uploads\\\/2018\\\/10\\\/Promocio-Doctor-Iban\\u0303ez-01.jpg&quot;,&quot;title&quot;:&quot;Enclosures in the residential development in Barcelona.&quot;},{&quot;src&quot;:&quot;https:\\\/\\\/www.garciafaura.com\\\/wp-content\\\/uploads\\\/2018\\\/10\\\/Promocio-Doctor-Iban\\u0303ez-07-1.jpg&quot;},{&quot;src&quot;:&quot;https:\\\/\\\/www.garciafaura.com\\\/wp-content\\\/uploads\\\/2018\\\/10\\\/Promocio-Doctor-Iban\\u0303ez-06-1.jpg&quot;},{&quot;src&quot;:&quot;https:\\\/\\\/www.garciafaura.com\\\/wp-content\\\/uploads\\\/2018\\\/10\\\/Promocio-Doctor-Iban\\u0303ez-05-1.jpg&quot;},{&quot;src&quot;:&quot;https:\\\/\\\/www.garciafaura.com\\\/wp-content\\\/uploads\\\/2018\\\/10\\\/Promocio-Doctor-Iban\\u0303ez-04-1.jpg&quot;},{&quot;src&quot;:&quot;https:\\\/\\\/www.garciafaura.com\\\/wp-content\\\/uploads\\\/2018\\\/10\\\/Promocio-Doctor-Iban\\u0303ez-03-1.jpg&quot;},{&quot;src&quot;:&quot;https:\\\/\\\/www.garciafaura.com\\\/wp-content\\\/uploads\\\/2018\\\/10\\\/Promocio-Doctor-Iban\\u0303ez-02-1.jpg&quot;},{&quot;src&quot;:&quot;https:\\\/\\\/www.garciafaura.com\\\/wp-content\\\/uploads\\\/2018\\\/10\\\/Promocio-Doctor-Iban\\u0303ez-01-1.jpg&quot;},{&quot;src&quot;:&quot;https:\\\/\\\/www.garciafaura.com\\\/wp-content\\\/uploads\\\/2018\\\/10\\\/Promocio-Doctor-Iban\\u0303ez-07.jpg&quot;,&quot;title&quot;:&quot;Tancaments en promoci\\u00f3 residencial a Barcelona&quot;},{&quot;src&quot;:&quot;https:\\\/\\\/www.garciafaura.com\\\/wp-content\\\/uploads\\\/2018\\\/10\\\/Promocio-Doctor-Iban\\u0303ez-06.jpg&quot;,&quot;title&quot;:&quot;Tancaments en promoci\\u00f3 residencial a Barcelona&quot;},{&quot;src&quot;:&quot;https:\\\/\\\/www.garciafaura.com\\\/wp-content\\\/uploads\\\/2018\\\/10\\\/Promocio-Doctor-Iban\\u0303ez-05.jpg&quot;,&quot;title&quot;:&quot;Tancaments en promoci\\u00f3 residencial a Barcelona&quot;},{&quot;src&quot;:&quot;https:\\\/\\\/www.garciafaura.com\\\/wp-content\\\/uploads\\\/2018\\\/10\\\/Promocio-Doctor-Iban\\u0303ez-04.jpg&quot;,&quot;title&quot;:&quot;Tancaments en promoci\\u00f3 residencial a Barcelona&quot;},{&quot;src&quot;:&quot;https:\\\/\\\/www.garciafaura.com\\\/wp-content\\\/uploads\\\/2018\\\/10\\\/Promocio-Doctor-Iban\\u0303ez-03.jpg&quot;,&quot;title&quot;:&quot;Tancaments en promoci\\u00f3 residencial a Barcelona&quot;},{&quot;src&quot;:&quot;https:\\\/\\\/www.garciafaura.com\\\/wp-content\\\/uploads\\\/2018\\\/10\\\/Promocio-Doctor-Iban\\u0303ez-02.jpg&quot;,&quot;title&quot;:&quot;Tancaments en promoci\\u00f3 residencial a Barcelona&quot;}]\"><img loading=\"lazy\" decoding=\"async\" data-no-lazy=\"1\" class=\"portfolio-entry-img skip-lazy\" src=\"https:\/\/www.garciafaura.com\/wp-content\/uploads\/2018\/10\/Promocio-Doctor-Iban\u0303ez-01-600x314.jpg\" alt=\"Enclosures In The Residential Development In Barcelona.\" data-no-retina width=\"600\" height=\"314\" \/><\/a><\/div><div class=\"portfolio-entry-details entry-details wpex-clr\"><h2 class=\"portfolio-entry-title entry-title\"><a href=\"https:\/\/www.garciafaura.com\/en\/portfolio-item\/doctor-ibanez-development\/\" title=\"Doctor Ib\u00e1\u00f1ez development\">Doctor Ib\u00e1\u00f1ez development<\/a><\/h2><div class=\"portfolio-entry-categories entry-categories wpex-clr\"><a href=\"https:\/\/www.garciafaura.com\/en\/portfolio-category\/residential-complexes\/\" class=\"term-76\">Residential complexes<\/a><\/div><\/div><\/div><\/div><div class=\"portfolio-entry vcex-grid-item entry-has-details span_1_of_3 col col-3 vcex-isotope-entry vcex-no-margin-entry post-20787 entry type-portfolio has-media cat-76 translation_priority-15\"><div class=\"portfolio-entry-inner entry-inner wpex-clr\"><div class=\"portfolio-entry-media entry-media wpex-clr\"><a href=\"https:\/\/www.garciafaura.com\/wp-content\/uploads\/2018\/10\/Promocio-La-Remunta-05.jpg\" title=\"La Remunta development\" class=\"portfolio-entry-media-link wpex-lightbox-gallery\" data-gallery=\"[{&quot;src&quot;:&quot;https:\\\/\\\/www.garciafaura.com\\\/wp-content\\\/uploads\\\/2018\\\/10\\\/Promocio-La-Remunta-05.jpg&quot;,&quot;title&quot;:&quot;Facade renovation to improve the building&#039;s energy efficiency&quot;},{&quot;src&quot;:&quot;https:\\\/\\\/www.garciafaura.com\\\/wp-content\\\/uploads\\\/2018\\\/10\\\/Promocio-La-Remunta-07.jpg&quot;,&quot;title&quot;:&quot;Rehabilitaci\\u00f3 de fa\\u00e7ana per augmentar l&#039;efici\\u00e8ncia energ\\u00e8tica de l&#039;edifici&quot;},{&quot;src&quot;:&quot;https:\\\/\\\/www.garciafaura.com\\\/wp-content\\\/uploads\\\/2018\\\/10\\\/Promocio-La-Remunta-06.jpg&quot;,&quot;title&quot;:&quot;Rehabilitaci\\u00f3 de fa\\u00e7ana per augmentar l&#039;efici\\u00e8ncia energ\\u00e8tica de l&#039;edifici&quot;},{&quot;src&quot;:&quot;https:\\\/\\\/www.garciafaura.com\\\/wp-content\\\/uploads\\\/2018\\\/10\\\/Promocio-La-Remunta-04.jpg&quot;,&quot;title&quot;:&quot;Rehabilitaci\\u00f3 de fa\\u00e7ana per augmentar l&#039;efici\\u00e8ncia energ\\u00e8tica de l&#039;edifici&quot;},{&quot;src&quot;:&quot;https:\\\/\\\/www.garciafaura.com\\\/wp-content\\\/uploads\\\/2018\\\/10\\\/Promocio-La-Remunta-03.jpg&quot;,&quot;title&quot;:&quot;Rehabilitaci\\u00f3 de fa\\u00e7ana per augmentar l&#039;efici\\u00e8ncia energ\\u00e8tica de l&#039;edifici&quot;},{&quot;src&quot;:&quot;https:\\\/\\\/www.garciafaura.com\\\/wp-content\\\/uploads\\\/2018\\\/10\\\/Promocio-La-Remunta-02.jpg&quot;,&quot;title&quot;:&quot;Rehabilitaci\\u00f3 de fa\\u00e7ana per augmentar l&#039;efici\\u00e8ncia energ\\u00e8tica de l&#039;edifici&quot;},{&quot;src&quot;:&quot;https:\\\/\\\/www.garciafaura.com\\\/wp-content\\\/uploads\\\/2018\\\/10\\\/Promocio-La-Remunta-01.jpg&quot;,&quot;title&quot;:&quot;Rehabilitaci\\u00f3 de fa\\u00e7ana per augmentar l&#039;efici\\u00e8ncia energ\\u00e8tica de l&#039;edifici&quot;}]\"><img loading=\"lazy\" decoding=\"async\" data-no-lazy=\"1\" class=\"portfolio-entry-img skip-lazy\" src=\"https:\/\/www.garciafaura.com\/wp-content\/uploads\/2018\/10\/Promocio-La-Remunta-05-600x314.jpg\" alt=\"Facade Renovation To Improve The Building's Energy Efficiency\" data-no-retina width=\"600\" height=\"314\" \/><\/a><\/div><div class=\"portfolio-entry-details entry-details wpex-clr\"><h2 class=\"portfolio-entry-title entry-title\"><a href=\"https:\/\/www.garciafaura.com\/en\/portfolio-item\/la-remunta-development\/\" title=\"La Remunta development\">La Remunta development<\/a><\/h2><div class=\"portfolio-entry-categories entry-categories wpex-clr\"><a href=\"https:\/\/www.garciafaura.com\/en\/portfolio-category\/residential-complexes\/\" class=\"term-76\">Residential complexes<\/a><\/div><\/div><\/div><\/div><div class=\"portfolio-entry vcex-grid-item entry-has-details span_1_of_3 col col-1 vcex-isotope-entry vcex-no-margin-entry post-20784 entry type-portfolio has-media cat-76 translation_priority-15\"><div class=\"portfolio-entry-inner entry-inner wpex-clr\"><div class=\"portfolio-entry-media entry-media wpex-clr\"><a href=\"https:\/\/www.garciafaura.com\/wp-content\/uploads\/2018\/10\/Promocio-Esplugues-Llobregat-05.jpg\" title=\"Esplugues de Llobregat development\" class=\"portfolio-entry-media-link wpex-lightbox-gallery\" data-gallery=\"[{&quot;src&quot;:&quot;https:\\\/\\\/www.garciafaura.com\\\/wp-content\\\/uploads\\\/2018\\\/10\\\/Promocio-Esplugues-Llobregat-05.jpg&quot;,&quot;title&quot;:&quot;Glazed aluminium enclosures in the housing development.&quot;},{&quot;src&quot;:&quot;https:\\\/\\\/www.garciafaura.com\\\/wp-content\\\/uploads\\\/2018\\\/10\\\/Promocio-Esplugues-Llobregat-07.jpg&quot;,&quot;title&quot;:&quot;Tancaments d&#039;alumini i vidrieria en promoci\\u00f3 d&#039;habitatges&quot;},{&quot;src&quot;:&quot;https:\\\/\\\/www.garciafaura.com\\\/wp-content\\\/uploads\\\/2018\\\/10\\\/Promocio-Esplugues-Llobregat-06.jpg&quot;,&quot;title&quot;:&quot;Tancaments d&#039;alumini i vidrieria en promoci\\u00f3 d&#039;habitatges&quot;},{&quot;src&quot;:&quot;https:\\\/\\\/www.garciafaura.com\\\/wp-content\\\/uploads\\\/2018\\\/10\\\/Promocio-Esplugues-Llobregat-01.jpg&quot;,&quot;title&quot;:&quot;Tancaments d&#039;alumini i vidrieria en promoci\\u00f3 d&#039;habitatges&quot;},{&quot;src&quot;:&quot;https:\\\/\\\/www.garciafaura.com\\\/wp-content\\\/uploads\\\/2018\\\/10\\\/Promocio-Esplugues-Llobregat-02.jpg&quot;,&quot;title&quot;:&quot;Tancaments d&#039;alumini i vidrieria en promoci\\u00f3 d&#039;habitatges&quot;},{&quot;src&quot;:&quot;https:\\\/\\\/www.garciafaura.com\\\/wp-content\\\/uploads\\\/2018\\\/10\\\/Promocio-Esplugues-Llobregat-03.jpg&quot;,&quot;title&quot;:&quot;Tancaments d&#039;alumini i vidrieria en promoci\\u00f3 d&#039;habitatges&quot;},{&quot;src&quot;:&quot;https:\\\/\\\/www.garciafaura.com\\\/wp-content\\\/uploads\\\/2018\\\/10\\\/Promocio-Esplugues-Llobregat-04.jpg&quot;,&quot;title&quot;:&quot;Tancaments d&#039;alumini i vidrieria en promoci\\u00f3 d&#039;habitatges&quot;}]\"><img loading=\"lazy\" decoding=\"async\" data-no-lazy=\"1\" class=\"portfolio-entry-img skip-lazy\" src=\"https:\/\/www.garciafaura.com\/wp-content\/uploads\/2018\/10\/Promocio-Esplugues-Llobregat-05-600x314.jpg\" alt=\"Glazed Aluminium Enclosures In The Housing Development.\" data-no-retina width=\"600\" height=\"314\" \/><\/a><\/div><div class=\"portfolio-entry-details entry-details wpex-clr\"><h2 class=\"portfolio-entry-title entry-title\"><a href=\"https:\/\/www.garciafaura.com\/en\/portfolio-item\/esplugues-de-llobregat-development\/\" title=\"Esplugues de Llobregat development\">Esplugues de Llobregat development<\/a><\/h2><div class=\"portfolio-entry-categories entry-categories wpex-clr\"><a href=\"https:\/\/www.garciafaura.com\/en\/portfolio-category\/residential-complexes\/\" class=\"term-76\">Residential complexes<\/a><\/div><\/div><\/div><\/div><div class=\"portfolio-entry vcex-grid-item entry-has-details span_1_of_3 col col-2 vcex-isotope-entry vcex-no-margin-entry post-20775 entry type-portfolio has-media cat-76 translation_priority-15\"><div class=\"portfolio-entry-inner entry-inner wpex-clr\"><div class=\"portfolio-entry-media entry-media wpex-clr\"><a href=\"https:\/\/www.garciafaura.com\/wp-content\/uploads\/2018\/10\/Promocio-Viladomat-3.jpg\" title=\"Viladomat development\" class=\"portfolio-entry-media-link wpex-lightbox-gallery\" data-gallery=\"[{&quot;src&quot;:&quot;https:\\\/\\\/www.garciafaura.com\\\/wp-content\\\/uploads\\\/2018\\\/10\\\/Promocio-Viladomat-2.jpg&quot;,&quot;title&quot;:&quot;Tancaments, persianes i xapats en promoci\\u00f3 residencial a Barcelona&quot;},{&quot;src&quot;:&quot;https:\\\/\\\/www.garciafaura.com\\\/wp-content\\\/uploads\\\/2018\\\/10\\\/Promocio-Viladomat-6.jpg&quot;,&quot;title&quot;:&quot;Tancaments, persianes i xapats en promoci\\u00f3 residencial a Barcelona&quot;},{&quot;src&quot;:&quot;https:\\\/\\\/www.garciafaura.com\\\/wp-content\\\/uploads\\\/2018\\\/10\\\/Promocio-Viladomat-5.jpg&quot;,&quot;title&quot;:&quot;Tancaments, persianes i xapats en promoci\\u00f3 residencial a Barcelona&quot;},{&quot;src&quot;:&quot;https:\\\/\\\/www.garciafaura.com\\\/wp-content\\\/uploads\\\/2018\\\/10\\\/Promocio-Viladomat-4.jpg&quot;,&quot;title&quot;:&quot;Tancaments, persianes i xapats en promoci\\u00f3 residencial a Barcelona&quot;},{&quot;src&quot;:&quot;https:\\\/\\\/www.garciafaura.com\\\/wp-content\\\/uploads\\\/2018\\\/10\\\/Promocio-Viladomat-3.jpg&quot;,&quot;title&quot;:&quot;Enclosures, blinds and cladding for the Barcelonan residential development&quot;},{&quot;src&quot;:&quot;https:\\\/\\\/www.garciafaura.com\\\/wp-content\\\/uploads\\\/2018\\\/10\\\/Promocio-Viladomat-1.jpg&quot;,&quot;title&quot;:&quot;Tancaments, persianes i xapats en promoci\\u00f3 residencial a Barcelona&quot;}]\"><img loading=\"lazy\" decoding=\"async\" data-no-lazy=\"1\" class=\"portfolio-entry-img skip-lazy\" src=\"https:\/\/www.garciafaura.com\/wp-content\/uploads\/2018\/10\/Promocio-Viladomat-3-600x314.jpg\" alt=\"Enclosures, Blinds And Cladding For The Barcelonan Residential Development\" data-no-retina width=\"600\" height=\"314\" \/><\/a><\/div><div class=\"portfolio-entry-details entry-details wpex-clr\"><h2 class=\"portfolio-entry-title entry-title\"><a href=\"https:\/\/www.garciafaura.com\/en\/portfolio-item\/viladomat-development\/\" title=\"Viladomat development\">Viladomat development<\/a><\/h2><div class=\"portfolio-entry-categories entry-categories wpex-clr\"><a href=\"https:\/\/www.garciafaura.com\/en\/portfolio-category\/residential-complexes\/\" class=\"term-76\">Residential complexes<\/a><\/div><\/div><\/div><\/div><div class=\"portfolio-entry vcex-grid-item entry-has-details span_1_of_3 col col-3 vcex-isotope-entry vcex-no-margin-entry post-20776 entry type-portfolio has-media cat-86 cat-76 translation_priority-15\"><div class=\"portfolio-entry-inner entry-inner wpex-clr\"><div class=\"portfolio-entry-media entry-media wpex-clr\"><a href=\"https:\/\/www.garciafaura.com\/wp-content\/uploads\/2018\/10\/Promocio-Torre-Diagonal-01.jpg\" title=\"Torre Diagonal development\" class=\"portfolio-entry-media-link wpex-lightbox-gallery\" data-gallery=\"[{&quot;src&quot;:&quot;https:\\\/\\\/www.garciafaura.com\\\/wp-content\\\/uploads\\\/2018\\\/10\\\/Promocio-Torre-Diagonal-01.jpg&quot;,&quot;title&quot;:&quot;Enclosures for 125 residences in a 26-storey tower in Barcelona&quot;},{&quot;src&quot;:&quot;https:\\\/\\\/www.garciafaura.com\\\/wp-content\\\/uploads\\\/2018\\\/10\\\/Promocio-Torre-Diagonal-09.jpg&quot;,&quot;title&quot;:&quot;Tancaments per a 125 habitatges en torre de 26 plantes a Barcelona&quot;},{&quot;src&quot;:&quot;https:\\\/\\\/www.garciafaura.com\\\/wp-content\\\/uploads\\\/2018\\\/10\\\/Promocio-Torre-Diagonal-08.jpg&quot;,&quot;title&quot;:&quot;Tancaments per a 125 habitatges en torre de 26 plantes a Barcelona&quot;},{&quot;src&quot;:&quot;https:\\\/\\\/www.garciafaura.com\\\/wp-content\\\/uploads\\\/2018\\\/10\\\/Promocio-Torre-Diagonal-07.jpg&quot;,&quot;title&quot;:&quot;Tancaments per a 125 habitatges en torre de 26 plantes a Barcelona&quot;},{&quot;src&quot;:&quot;https:\\\/\\\/www.garciafaura.com\\\/wp-content\\\/uploads\\\/2018\\\/10\\\/Promocio-Torre-Diagonal-06.jpg&quot;,&quot;title&quot;:&quot;Tancaments per a 125 habitatges en torre de 26 plantes a Barcelona&quot;},{&quot;src&quot;:&quot;https:\\\/\\\/www.garciafaura.com\\\/wp-content\\\/uploads\\\/2018\\\/10\\\/Promocio-Torre-Diagonal-05.jpg&quot;,&quot;title&quot;:&quot;Tancaments per a 125 habitatges en torre de 26 plantes a Barcelona&quot;},{&quot;src&quot;:&quot;https:\\\/\\\/www.garciafaura.com\\\/wp-content\\\/uploads\\\/2018\\\/10\\\/Promocio-Torre-Diagonal-04.jpg&quot;,&quot;title&quot;:&quot;Tancaments per a 125 habitatges en torre de 26 plantes a Barcelona&quot;},{&quot;src&quot;:&quot;https:\\\/\\\/www.garciafaura.com\\\/wp-content\\\/uploads\\\/2018\\\/10\\\/Promocio-Torre-Diagonal-03.jpg&quot;,&quot;title&quot;:&quot;Tancaments per a 125 habitatges en torre de 26 plantes a Barcelona&quot;},{&quot;src&quot;:&quot;https:\\\/\\\/www.garciafaura.com\\\/wp-content\\\/uploads\\\/2018\\\/10\\\/Promocio-Torre-Diagonal-02.jpg&quot;,&quot;title&quot;:&quot;Tancaments per a 125 habitatges en torre de 26 plantes a Barcelona&quot;}]\"><img loading=\"lazy\" decoding=\"async\" data-no-lazy=\"1\" class=\"portfolio-entry-img skip-lazy\" src=\"https:\/\/www.garciafaura.com\/wp-content\/uploads\/2018\/10\/Promocio-Torre-Diagonal-01-600x314.jpg\" alt=\"Enclosures For 125 Residences In A 26-storey Tower In Barcelona\" data-no-retina width=\"600\" height=\"314\" \/><\/a><\/div><div class=\"portfolio-entry-details entry-details wpex-clr\"><h2 class=\"portfolio-entry-title entry-title\"><a href=\"https:\/\/www.garciafaura.com\/en\/portfolio-item\/torre-diagonal-development\/\" title=\"Torre Diagonal development\">Torre Diagonal development<\/a><\/h2><div class=\"portfolio-entry-categories entry-categories wpex-clr\"><a href=\"https:\/\/www.garciafaura.com\/en\/portfolio-category\/destacat-residential-complexes\/\" class=\"term-86\">Destacat residential complexes<\/a><\/div><\/div><\/div><\/div><div class=\"portfolio-entry vcex-grid-item entry-has-details span_1_of_3 col col-1 vcex-isotope-entry vcex-no-margin-entry post-20767 entry type-portfolio has-media cat-76 translation_priority-15\"><div class=\"portfolio-entry-inner entry-inner wpex-clr\"><div class=\"portfolio-entry-media entry-media wpex-clr\"><a href=\"https:\/\/www.garciafaura.com\/wp-content\/uploads\/2018\/10\/Promocio-Cal-Ciso-07.jpg\" title=\"Cal Cis\u00f3 development\" class=\"portfolio-entry-media-link wpex-lightbox-gallery\" data-gallery=\"[{&quot;src&quot;:&quot;https:\\\/\\\/www.garciafaura.com\\\/wp-content\\\/uploads\\\/2018\\\/10\\\/Promocio-Cal-Ciso-01.jpg&quot;,&quot;title&quot;:&quot;Tancaments i proteccions solars per habitatge protegit&quot;},{&quot;src&quot;:&quot;https:\\\/\\\/www.garciafaura.com\\\/wp-content\\\/uploads\\\/2018\\\/10\\\/Promocio-Cal-Ciso-08.jpg&quot;,&quot;title&quot;:&quot;Tancaments i proteccions solars per habitatge protegit&quot;},{&quot;src&quot;:&quot;https:\\\/\\\/www.garciafaura.com\\\/wp-content\\\/uploads\\\/2018\\\/10\\\/Promocio-Cal-Ciso-07.jpg&quot;,&quot;title&quot;:&quot;Enclosures and solar protection for social housing&quot;},{&quot;src&quot;:&quot;https:\\\/\\\/www.garciafaura.com\\\/wp-content\\\/uploads\\\/2018\\\/10\\\/Promocio-Cal-Ciso-06.jpg&quot;,&quot;title&quot;:&quot;Tancaments i proteccions solars per habitatge protegit&quot;},{&quot;src&quot;:&quot;https:\\\/\\\/www.garciafaura.com\\\/wp-content\\\/uploads\\\/2018\\\/10\\\/Promocio-Cal-Ciso-05.jpg&quot;,&quot;title&quot;:&quot;Tancaments i proteccions solars per habitatge protegit&quot;},{&quot;src&quot;:&quot;https:\\\/\\\/www.garciafaura.com\\\/wp-content\\\/uploads\\\/2018\\\/10\\\/Promocio-Cal-Ciso-04.jpg&quot;,&quot;title&quot;:&quot;Tancaments i proteccions solars per habitatge protegit&quot;},{&quot;src&quot;:&quot;https:\\\/\\\/www.garciafaura.com\\\/wp-content\\\/uploads\\\/2018\\\/10\\\/Promocio-Cal-Ciso-03.jpg&quot;,&quot;title&quot;:&quot;Tancaments i proteccions solars per habitatge protegit&quot;},{&quot;src&quot;:&quot;https:\\\/\\\/www.garciafaura.com\\\/wp-content\\\/uploads\\\/2018\\\/10\\\/Promocio-Cal-Ciso-02.jpg&quot;,&quot;title&quot;:&quot;Tancaments i proteccions solars per habitatge protegit&quot;}]\"><img loading=\"lazy\" decoding=\"async\" data-no-lazy=\"1\" class=\"portfolio-entry-img skip-lazy\" src=\"https:\/\/www.garciafaura.com\/wp-content\/uploads\/2018\/10\/Promocio-Cal-Ciso-07-600x314.jpg\" alt=\"Enclosures And Solar Protection For Social Housing\" data-no-retina width=\"600\" height=\"314\" \/><\/a><\/div><div class=\"portfolio-entry-details entry-details wpex-clr\"><h2 class=\"portfolio-entry-title entry-title\"><a href=\"https:\/\/www.garciafaura.com\/en\/portfolio-item\/cal-ciso-development\/\" title=\"Cal Cis\u00f3 development\">Cal Cis\u00f3 development<\/a><\/h2><div class=\"portfolio-entry-categories entry-categories wpex-clr\"><a href=\"https:\/\/www.garciafaura.com\/en\/portfolio-category\/residential-complexes\/\" class=\"term-76\">Residential complexes<\/a><\/div><\/div><\/div><\/div><div class=\"portfolio-entry vcex-grid-item entry-has-details span_1_of_3 col col-2 vcex-isotope-entry vcex-no-margin-entry post-20768 entry type-portfolio has-media cat-76 translation_priority-15\"><div class=\"portfolio-entry-inner entry-inner wpex-clr\"><div class=\"portfolio-entry-media entry-media wpex-clr\"><a href=\"https:\/\/www.garciafaura.com\/wp-content\/uploads\/2018\/10\/Promocio-Tower-La-Remunta-05.jpg\" title=\"La Remunta Tower development\" class=\"portfolio-entry-media-link wpex-lightbox-gallery\" data-gallery=\"[{&quot;src&quot;:&quot;https:\\\/\\\/www.garciafaura.com\\\/wp-content\\\/uploads\\\/2018\\\/10\\\/Promocio-Tower-La-Remunta-01.jpg&quot;,&quot;title&quot;:&quot;Tancaments en promoci\\u00f3 residencial a l&#039;Hospitalet&quot;},{&quot;src&quot;:&quot;https:\\\/\\\/www.garciafaura.com\\\/wp-content\\\/uploads\\\/2018\\\/10\\\/Promocio-Tower-La-Remunta-08.jpg&quot;,&quot;title&quot;:&quot;Tancaments en promoci\\u00f3 residencial a l&#039;Hospitalet&quot;},{&quot;src&quot;:&quot;https:\\\/\\\/www.garciafaura.com\\\/wp-content\\\/uploads\\\/2018\\\/10\\\/Promocio-Tower-La-Remunta-07.jpg&quot;,&quot;title&quot;:&quot;Tancaments en promoci\\u00f3 residencial a l&#039;Hospitalet&quot;},{&quot;src&quot;:&quot;https:\\\/\\\/www.garciafaura.com\\\/wp-content\\\/uploads\\\/2018\\\/10\\\/Promocio-Tower-La-Remunta-06.jpg&quot;,&quot;title&quot;:&quot;Tancaments en promoci\\u00f3 residencial a l&#039;Hospitalet&quot;},{&quot;src&quot;:&quot;https:\\\/\\\/www.garciafaura.com\\\/wp-content\\\/uploads\\\/2018\\\/10\\\/Promocio-Tower-La-Remunta-05.jpg&quot;,&quot;title&quot;:&quot;Enclosures in the residential development at L&#039;Hospitalet de Llobregat&quot;},{&quot;src&quot;:&quot;https:\\\/\\\/www.garciafaura.com\\\/wp-content\\\/uploads\\\/2018\\\/10\\\/Promocio-Tower-La-Remunta-04.jpg&quot;,&quot;title&quot;:&quot;Tancaments en promoci\\u00f3 residencial a l&#039;Hospitalet&quot;},{&quot;src&quot;:&quot;https:\\\/\\\/www.garciafaura.com\\\/wp-content\\\/uploads\\\/2018\\\/10\\\/Promocio-Tower-La-Remunta-03.jpg&quot;,&quot;title&quot;:&quot;Tancaments en promoci\\u00f3 residencial a l&#039;Hospitalet&quot;},{&quot;src&quot;:&quot;https:\\\/\\\/www.garciafaura.com\\\/wp-content\\\/uploads\\\/2018\\\/10\\\/Promocio-Tower-La-Remunta-02.jpg&quot;,&quot;title&quot;:&quot;Tancaments en promoci\\u00f3 residencial a l&#039;Hospitalet&quot;}]\"><img loading=\"lazy\" decoding=\"async\" data-no-lazy=\"1\" class=\"portfolio-entry-img skip-lazy\" src=\"https:\/\/www.garciafaura.com\/wp-content\/uploads\/2018\/10\/Promocio-Tower-La-Remunta-05-600x314.jpg\" alt=\"Enclosures In The Residential Development At L'Hospitalet De Llobregat\" data-no-retina width=\"600\" height=\"314\" \/><\/a><\/div><div class=\"portfolio-entry-details entry-details wpex-clr\"><h2 class=\"portfolio-entry-title entry-title\"><a href=\"https:\/\/www.garciafaura.com\/en\/portfolio-item\/la-remunta-tower-development\/\" title=\"La Remunta Tower development\">La Remunta Tower development<\/a><\/h2><div class=\"portfolio-entry-categories entry-categories wpex-clr\"><a href=\"https:\/\/www.garciafaura.com\/en\/portfolio-category\/residential-complexes\/\" class=\"term-76\">Residential complexes<\/a><\/div><\/div><\/div><\/div><div class=\"portfolio-entry vcex-grid-item entry-has-details span_1_of_3 col col-3 vcex-isotope-entry vcex-no-margin-entry post-20763 entry type-portfolio has-media cat-76 translation_priority-15\"><div class=\"portfolio-entry-inner entry-inner wpex-clr\"><div class=\"portfolio-entry-media entry-media wpex-clr\"><a href=\"https:\/\/www.garciafaura.com\/wp-content\/uploads\/2018\/10\/Promocio-Marti-Pujol-Badalona-06.jpg\" title=\"Mart\u00ed Pujol development\" class=\"portfolio-entry-media-link wpex-lightbox-gallery\" data-gallery=\"[{&quot;src&quot;:&quot;https:\\\/\\\/www.garciafaura.com\\\/wp-content\\\/uploads\\\/2018\\\/10\\\/Promocio-Marti-Pujol-Badalona-01.jpg&quot;,&quot;title&quot;:&quot;Tancaments d&#039;alumini i vidrieria en promoci\\u00f3 d&#039;habitatges&quot;},{&quot;src&quot;:&quot;https:\\\/\\\/www.garciafaura.com\\\/wp-content\\\/uploads\\\/2018\\\/10\\\/Promocio-Marti-Pujol-Badalona-07.jpg&quot;,&quot;title&quot;:&quot;Tancaments d&#039;alumini i vidrieria en promoci\\u00f3 d&#039;habitatges&quot;},{&quot;src&quot;:&quot;https:\\\/\\\/www.garciafaura.com\\\/wp-content\\\/uploads\\\/2018\\\/10\\\/Promocio-Marti-Pujol-Badalona-06.jpg&quot;,&quot;title&quot;:&quot;Glazed aluminium enclosures in the housing development.&quot;},{&quot;src&quot;:&quot;https:\\\/\\\/www.garciafaura.com\\\/wp-content\\\/uploads\\\/2018\\\/10\\\/Promocio-Marti-Pujol-Badalona-05.jpg&quot;,&quot;title&quot;:&quot;Tancaments d&#039;alumini i vidrieria en promoci\\u00f3 d&#039;habitatges&quot;},{&quot;src&quot;:&quot;https:\\\/\\\/www.garciafaura.com\\\/wp-content\\\/uploads\\\/2018\\\/10\\\/Promocio-Marti-Pujol-Badalona-04.jpg&quot;,&quot;title&quot;:&quot;Tancaments d&#039;alumini i vidrieria en promoci\\u00f3 d&#039;habitatges&quot;},{&quot;src&quot;:&quot;https:\\\/\\\/www.garciafaura.com\\\/wp-content\\\/uploads\\\/2018\\\/10\\\/Promocio-Marti-Pujol-Badalona-03.jpg&quot;,&quot;title&quot;:&quot;Tancaments d&#039;alumini i vidrieria en promoci\\u00f3 d&#039;habitatges&quot;},{&quot;src&quot;:&quot;https:\\\/\\\/www.garciafaura.com\\\/wp-content\\\/uploads\\\/2018\\\/10\\\/Promocio-Marti-Pujol-Badalona-02.jpg&quot;,&quot;title&quot;:&quot;Tancaments d&#039;alumini i vidrieria en promoci\\u00f3 d&#039;habitatges&quot;}]\"><img loading=\"lazy\" decoding=\"async\" data-no-lazy=\"1\" class=\"portfolio-entry-img skip-lazy\" src=\"https:\/\/www.garciafaura.com\/wp-content\/uploads\/2018\/10\/Promocio-Marti-Pujol-Badalona-06-600x314.jpg\" alt=\"Glazed Aluminium Enclosures In The Housing Development.\" data-no-retina width=\"600\" height=\"314\" \/><\/a><\/div><div class=\"portfolio-entry-details entry-details wpex-clr\"><h2 class=\"portfolio-entry-title entry-title\"><a href=\"https:\/\/www.garciafaura.com\/en\/portfolio-item\/marti-pujol-development\/\" title=\"Mart\u00ed Pujol development\">Mart\u00ed Pujol development<\/a><\/h2><div class=\"portfolio-entry-categories entry-categories wpex-clr\"><a href=\"https:\/\/www.garciafaura.com\/en\/portfolio-category\/residential-complexes\/\" class=\"term-76\">Residential complexes<\/a><\/div><\/div><\/div><\/div><div class=\"portfolio-entry vcex-grid-item entry-has-details span_1_of_3 col col-1 vcex-isotope-entry vcex-no-margin-entry post-20764 entry type-portfolio has-media cat-76 translation_priority-15\"><div class=\"portfolio-entry-inner entry-inner wpex-clr\"><div class=\"portfolio-entry-media entry-media wpex-clr\"><a href=\"https:\/\/www.garciafaura.com\/wp-content\/uploads\/2018\/10\/Promicio-Ponent-Badalona-01.jpg\" title=\"Ponent Badalona development\" class=\"portfolio-entry-media-link wpex-lightbox-gallery\" data-gallery=\"[{&quot;src&quot;:&quot;https:\\\/\\\/www.garciafaura.com\\\/wp-content\\\/uploads\\\/2018\\\/10\\\/Promicio-Ponent-Badalona-01.jpg&quot;,&quot;title&quot;:&quot;Glazed aluminium enclosures in the housing development.&quot;},{&quot;src&quot;:&quot;https:\\\/\\\/www.garciafaura.com\\\/wp-content\\\/uploads\\\/2018\\\/10\\\/Promicio-Ponent-Badalona-09.jpg&quot;,&quot;title&quot;:&quot;Tancaments d&#039;alumini i vidrieria en promoci\\u00f3 d&#039;habitatges&quot;},{&quot;src&quot;:&quot;https:\\\/\\\/www.garciafaura.com\\\/wp-content\\\/uploads\\\/2018\\\/10\\\/Promicio-Ponent-Badalona-08.jpg&quot;,&quot;title&quot;:&quot;Tancaments d&#039;alumini i vidrieria en promoci\\u00f3 d&#039;habitatges&quot;},{&quot;src&quot;:&quot;https:\\\/\\\/www.garciafaura.com\\\/wp-content\\\/uploads\\\/2018\\\/10\\\/Promicio-Ponent-Badalona-07.jpg&quot;,&quot;title&quot;:&quot;Tancaments d&#039;alumini i vidrieria en promoci\\u00f3 d&#039;habitatges&quot;},{&quot;src&quot;:&quot;https:\\\/\\\/www.garciafaura.com\\\/wp-content\\\/uploads\\\/2018\\\/10\\\/Promicio-Ponent-Badalona-06.jpg&quot;,&quot;title&quot;:&quot;Tancaments d&#039;alumini i vidrieria en promoci\\u00f3 d&#039;habitatges&quot;},{&quot;src&quot;:&quot;https:\\\/\\\/www.garciafaura.com\\\/wp-content\\\/uploads\\\/2018\\\/10\\\/Promicio-Ponent-Badalona-05.jpg&quot;,&quot;title&quot;:&quot;Tancaments d&#039;alumini i vidrieria en promoci\\u00f3 d&#039;habitatges&quot;},{&quot;src&quot;:&quot;https:\\\/\\\/www.garciafaura.com\\\/wp-content\\\/uploads\\\/2018\\\/10\\\/Promicio-Ponent-Badalona-04.jpg&quot;,&quot;title&quot;:&quot;Tancaments d&#039;alumini i vidrieria en promoci\\u00f3 d&#039;habitatges&quot;},{&quot;src&quot;:&quot;https:\\\/\\\/www.garciafaura.com\\\/wp-content\\\/uploads\\\/2018\\\/10\\\/Promicio-Ponent-Badalona-03.jpg&quot;,&quot;title&quot;:&quot;Tancaments d&#039;alumini i vidrieria en promoci\\u00f3 d&#039;habitatges&quot;},{&quot;src&quot;:&quot;https:\\\/\\\/www.garciafaura.com\\\/wp-content\\\/uploads\\\/2018\\\/10\\\/Promicio-Ponent-Badalona-02.jpg&quot;,&quot;title&quot;:&quot;Tancaments d&#039;alumini i vidrieria en promoci\\u00f3 d&#039;habitatges&quot;}]\"><img loading=\"lazy\" decoding=\"async\" data-no-lazy=\"1\" class=\"portfolio-entry-img skip-lazy\" src=\"https:\/\/www.garciafaura.com\/wp-content\/uploads\/2018\/10\/Promicio-Ponent-Badalona-01-600x314.jpg\" alt=\"Glazed Aluminium Enclosures In The Housing Development.\" data-no-retina width=\"600\" height=\"314\" \/><\/a><\/div><div class=\"portfolio-entry-details entry-details wpex-clr\"><h2 class=\"portfolio-entry-title entry-title\"><a href=\"https:\/\/www.garciafaura.com\/en\/portfolio-item\/ponent-badalona-development\/\" title=\"Ponent Badalona development\">Ponent Badalona development<\/a><\/h2><div class=\"portfolio-entry-categories entry-categories wpex-clr\"><a href=\"https:\/\/www.garciafaura.com\/en\/portfolio-category\/residential-complexes\/\" class=\"term-76\">Residential complexes<\/a><\/div><\/div><\/div><\/div><div class=\"portfolio-entry vcex-grid-item entry-has-details span_1_of_3 col col-2 vcex-isotope-entry vcex-no-margin-entry post-20756 entry type-portfolio has-media cat-76 translation_priority-15\"><div class=\"portfolio-entry-inner entry-inner wpex-clr\"><div class=\"portfolio-entry-media entry-media wpex-clr\"><a href=\"https:\/\/www.garciafaura.com\/wp-content\/uploads\/2018\/09\/Promocio-Iberhogar-Sant-Boi-01.jpg\" title=\"Iberhogar Sant Boi development\" class=\"portfolio-entry-media-link wpex-lightbox-gallery\" data-gallery=\"[{&quot;src&quot;:&quot;https:\\\/\\\/www.garciafaura.com\\\/wp-content\\\/uploads\\\/2018\\\/09\\\/Promocio-Iberhogar-Sant-Boi-01.jpg&quot;,&quot;title&quot;:&quot;Glazed aluminium enclosures in the Sant Boi de Llobregat housing development.&quot;},{&quot;src&quot;:&quot;https:\\\/\\\/www.garciafaura.com\\\/wp-content\\\/uploads\\\/2018\\\/09\\\/Promocio-Iberhogar-Sant-Boi-08.jpg&quot;,&quot;title&quot;:&quot;Tancaments d&#039;alumini i vidrieria en promoci\\u00f3 d&#039;habitatges a Sant Boi&quot;},{&quot;src&quot;:&quot;https:\\\/\\\/www.garciafaura.com\\\/wp-content\\\/uploads\\\/2018\\\/09\\\/Promocio-Iberhogar-Sant-Boi-07.jpg&quot;,&quot;title&quot;:&quot;Tancaments d&#039;alumini i vidrieria en promoci\\u00f3 d&#039;habitatges a Sant Boi&quot;},{&quot;src&quot;:&quot;https:\\\/\\\/www.garciafaura.com\\\/wp-content\\\/uploads\\\/2018\\\/09\\\/Promocio-Iberhogar-Sant-Boi-05.jpg&quot;,&quot;title&quot;:&quot;Tancaments d&#039;alumini i vidrieria en promoci\\u00f3 d&#039;habitatges a Sant Boi&quot;},{&quot;src&quot;:&quot;https:\\\/\\\/www.garciafaura.com\\\/wp-content\\\/uploads\\\/2018\\\/09\\\/Promocio-Iberhogar-Sant-Boi-06.jpg&quot;,&quot;title&quot;:&quot;Tancaments d&#039;alumini i vidrieria en promoci\\u00f3 d&#039;habitatges a Sant Boi&quot;},{&quot;src&quot;:&quot;https:\\\/\\\/www.garciafaura.com\\\/wp-content\\\/uploads\\\/2018\\\/09\\\/Promocio-Iberhogar-Sant-Boi-04.jpg&quot;,&quot;title&quot;:&quot;Tancaments d&#039;alumini i vidrieria en promoci\\u00f3 d&#039;habitatges a Sant Boi&quot;},{&quot;src&quot;:&quot;https:\\\/\\\/www.garciafaura.com\\\/wp-content\\\/uploads\\\/2018\\\/09\\\/Promocio-Iberhogar-Sant-Boi-03.jpg&quot;,&quot;title&quot;:&quot;Tancaments d&#039;alumini i vidrieria en promoci\\u00f3 d&#039;habitatges a Sant Boi&quot;},{&quot;src&quot;:&quot;https:\\\/\\\/www.garciafaura.com\\\/wp-content\\\/uploads\\\/2018\\\/09\\\/Promocio-Iberhogar-Sant-Boi-02.jpg&quot;,&quot;title&quot;:&quot;Tancaments d&#039;alumini i vidrieria en promoci\\u00f3 d&#039;habitatges a Sant Boi&quot;}]\"><img loading=\"lazy\" decoding=\"async\" data-no-lazy=\"1\" class=\"portfolio-entry-img skip-lazy\" src=\"https:\/\/www.garciafaura.com\/wp-content\/uploads\/2018\/09\/Promocio-Iberhogar-Sant-Boi-01-600x314.jpg\" alt=\"Glazed Aluminium Enclosures In The Sant Boi De Llobregat Housing Development.\" data-no-retina width=\"600\" height=\"314\" \/><\/a><\/div><div class=\"portfolio-entry-details entry-details wpex-clr\"><h2 class=\"portfolio-entry-title entry-title\"><a href=\"https:\/\/www.garciafaura.com\/en\/portfolio-item\/iberhogar-sant-boi-de-llobregat-development\/\" title=\"Iberhogar Sant Boi development\">Iberhogar Sant Boi development<\/a><\/h2><div class=\"portfolio-entry-categories entry-categories wpex-clr\"><a href=\"https:\/\/www.garciafaura.com\/en\/portfolio-category\/residential-complexes\/\" class=\"term-76\">Residential complexes<\/a><\/div><\/div><\/div><\/div><div class=\"portfolio-entry vcex-grid-item entry-has-details span_1_of_3 col col-3 vcex-isotope-entry vcex-no-margin-entry post-20744 entry type-portfolio has-media cat-86 cat-76 translation_priority-15\"><div class=\"portfolio-entry-inner entry-inner wpex-clr\"><div class=\"portfolio-entry-media entry-media wpex-clr\"><a href=\"https:\/\/www.garciafaura.com\/wp-content\/uploads\/2018\/09\/Promocio-Dalt-Vila-Badalona-01.jpg\" title=\"Dalt La Vila development\" class=\"portfolio-entry-media-link wpex-lightbox-gallery\" data-gallery=\"[{&quot;src&quot;:&quot;https:\\\/\\\/www.garciafaura.com\\\/wp-content\\\/uploads\\\/2018\\\/09\\\/Promocio-Dalt-Vila-Badalona-01.jpg&quot;,&quot;title&quot;:&quot;Enclosures in the residential development at Badalona&quot;},{&quot;src&quot;:&quot;https:\\\/\\\/www.garciafaura.com\\\/wp-content\\\/uploads\\\/2018\\\/09\\\/Promocio-Dalt-Vila-Badalona-07.jpg&quot;,&quot;title&quot;:&quot;Tancaments en promoci\\u00f3 residencial a Badalona&quot;},{&quot;src&quot;:&quot;https:\\\/\\\/www.garciafaura.com\\\/wp-content\\\/uploads\\\/2018\\\/09\\\/Promocio-Dalt-Vila-Badalona-06.jpg&quot;,&quot;title&quot;:&quot;Tancaments en promoci\\u00f3 residencial a Badalona&quot;},{&quot;src&quot;:&quot;https:\\\/\\\/www.garciafaura.com\\\/wp-content\\\/uploads\\\/2018\\\/09\\\/Promocio-Dalt-Vila-Badalona-05.jpg&quot;,&quot;title&quot;:&quot;Tancaments en promoci\\u00f3 residencial a Badalona&quot;},{&quot;src&quot;:&quot;https:\\\/\\\/www.garciafaura.com\\\/wp-content\\\/uploads\\\/2018\\\/09\\\/Promocio-Dalt-Vila-Badalona-04.jpg&quot;,&quot;title&quot;:&quot;Tancaments en promoci\\u00f3 residencial a Badalona&quot;},{&quot;src&quot;:&quot;https:\\\/\\\/www.garciafaura.com\\\/wp-content\\\/uploads\\\/2018\\\/09\\\/Promocio-Dalt-Vila-Badalona-03.jpg&quot;,&quot;title&quot;:&quot;Tancaments en promoci\\u00f3 residencial a Badalona&quot;},{&quot;src&quot;:&quot;https:\\\/\\\/www.garciafaura.com\\\/wp-content\\\/uploads\\\/2018\\\/09\\\/Promocio-Dalt-Vila-Badalona-02.jpg&quot;,&quot;title&quot;:&quot;Tancaments en promoci\\u00f3 residencial a Badalona&quot;}]\"><img loading=\"lazy\" decoding=\"async\" data-no-lazy=\"1\" class=\"portfolio-entry-img skip-lazy\" src=\"https:\/\/www.garciafaura.com\/wp-content\/uploads\/2018\/09\/Promocio-Dalt-Vila-Badalona-01-600x314.jpg\" alt=\"Enclosures In The Residential Development At Badalona\" data-no-retina width=\"600\" height=\"314\" \/><\/a><\/div><div class=\"portfolio-entry-details entry-details wpex-clr\"><h2 class=\"portfolio-entry-title entry-title\"><a href=\"https:\/\/www.garciafaura.com\/en\/portfolio-item\/dalt-la-vila-development\/\" title=\"Dalt La Vila development\">Dalt La Vila development<\/a><\/h2><div class=\"portfolio-entry-categories entry-categories wpex-clr\"><a href=\"https:\/\/www.garciafaura.com\/en\/portfolio-category\/destacat-residential-complexes\/\" class=\"term-86\">Destacat residential complexes<\/a><\/div><\/div><\/div><\/div><div class=\"portfolio-entry vcex-grid-item entry-has-details span_1_of_3 col col-1 vcex-isotope-entry vcex-no-margin-entry post-20742 entry type-portfolio has-media cat-76 translation_priority-15\"><div class=\"portfolio-entry-inner entry-inner wpex-clr\"><div class=\"portfolio-entry-media entry-media wpex-clr\"><a href=\"https:\/\/www.garciafaura.com\/wp-content\/uploads\/2018\/09\/Promocio-Can-Ribes-Gava-01.jpg\" title=\"Can Ribes development\" class=\"portfolio-entry-media-link wpex-lightbox-gallery\" data-gallery=\"[{&quot;src&quot;:&quot;https:\\\/\\\/www.garciafaura.com\\\/wp-content\\\/uploads\\\/2018\\\/09\\\/Promocio-Can-Ribes-Gava-01.jpg&quot;,&quot;title&quot;:&quot;Enclosures and solar protection for the residential development at Gav\\u00e0&quot;},{&quot;src&quot;:&quot;https:\\\/\\\/www.garciafaura.com\\\/wp-content\\\/uploads\\\/2018\\\/09\\\/Promocio-Can-Ribes-Gava-08.jpg&quot;,&quot;title&quot;:&quot;Tancaments i proteccions solars en promoci\\u00f3 residencial a Gav\\u00e0&quot;},{&quot;src&quot;:&quot;https:\\\/\\\/www.garciafaura.com\\\/wp-content\\\/uploads\\\/2018\\\/09\\\/Promocio-Can-Ribes-Gava-07.jpg&quot;,&quot;title&quot;:&quot;Tancaments i proteccions solars en promoci\\u00f3 residencial a Gav\\u00e0&quot;},{&quot;src&quot;:&quot;https:\\\/\\\/www.garciafaura.com\\\/wp-content\\\/uploads\\\/2018\\\/09\\\/Promocio-Can-Ribes-Gava-06.jpg&quot;,&quot;title&quot;:&quot;Tancaments i proteccions solars en promoci\\u00f3 residencial a Gav\\u00e0&quot;},{&quot;src&quot;:&quot;https:\\\/\\\/www.garciafaura.com\\\/wp-content\\\/uploads\\\/2018\\\/09\\\/Promocio-Can-Ribes-Gava-05.jpg&quot;,&quot;title&quot;:&quot;Tancaments i proteccions solars en promoci\\u00f3 residencial a Gav\\u00e0&quot;},{&quot;src&quot;:&quot;https:\\\/\\\/www.garciafaura.com\\\/wp-content\\\/uploads\\\/2018\\\/09\\\/Promocio-Can-Ribes-Gava-04.jpg&quot;,&quot;title&quot;:&quot;Tancaments i proteccions solars en promoci\\u00f3 residencial a Gav\\u00e0&quot;},{&quot;src&quot;:&quot;https:\\\/\\\/www.garciafaura.com\\\/wp-content\\\/uploads\\\/2018\\\/09\\\/Promocio-Can-Ribes-Gava-03.jpg&quot;,&quot;title&quot;:&quot;Tancaments i proteccions solars en promoci\\u00f3 residencial a Gav\\u00e0&quot;},{&quot;src&quot;:&quot;https:\\\/\\\/www.garciafaura.com\\\/wp-content\\\/uploads\\\/2018\\\/09\\\/Promocio-Can-Ribes-Gava-02.jpg&quot;,&quot;title&quot;:&quot;Tancaments i proteccions solars en promoci\\u00f3 residencial a Gav\\u00e0&quot;}]\"><img loading=\"lazy\" decoding=\"async\" data-no-lazy=\"1\" class=\"portfolio-entry-img skip-lazy\" src=\"https:\/\/www.garciafaura.com\/wp-content\/uploads\/2018\/09\/Promocio-Can-Ribes-Gava-01-600x314.jpg\" alt=\"Enclosures And Solar Protection For The Residential Development At Gav\u00e0\" data-no-retina width=\"600\" height=\"314\" \/><\/a><\/div><div class=\"portfolio-entry-details entry-details wpex-clr\"><h2 class=\"portfolio-entry-title entry-title\"><a href=\"https:\/\/www.garciafaura.com\/en\/portfolio-item\/can-ribes-development\/\" title=\"Can Ribes development\">Can Ribes development<\/a><\/h2><div class=\"portfolio-entry-categories entry-categories wpex-clr\"><a href=\"https:\/\/www.garciafaura.com\/en\/portfolio-category\/residential-complexes\/\" class=\"term-76\">Residential complexes<\/a><\/div><\/div><\/div><\/div><div class=\"portfolio-entry vcex-grid-item entry-has-details span_1_of_3 col col-2 vcex-isotope-entry vcex-no-margin-entry post-20743 entry type-portfolio has-media cat-76 translation_priority-15\"><div class=\"portfolio-entry-inner entry-inner wpex-clr\"><div class=\"portfolio-entry-media entry-media wpex-clr\"><a href=\"https:\/\/www.garciafaura.com\/wp-content\/uploads\/2018\/09\/Promocio-Can-Mates-Sant-Cugat-01.jpg\" title=\"Can Mates development\" class=\"portfolio-entry-media-link wpex-lightbox-gallery\" data-gallery=\"[{&quot;src&quot;:&quot;https:\\\/\\\/www.garciafaura.com\\\/wp-content\\\/uploads\\\/2018\\\/09\\\/Promocio-Can-Mates-Sant-Cugat-01.jpg&quot;,&quot;title&quot;:&quot;Aluminium enclosures for the residential development at Sant Cugat del Vall\\u00e8s&quot;},{&quot;src&quot;:&quot;https:\\\/\\\/www.garciafaura.com\\\/wp-content\\\/uploads\\\/2018\\\/09\\\/Promocio-Can-Mates-Sant-Cugat-08.jpg&quot;,&quot;title&quot;:&quot;Tancaments d&#039;alumini en promoci\\u00f3 d&#039;habitatges a Sant Cugat del Vall\\u00e8s&quot;},{&quot;src&quot;:&quot;https:\\\/\\\/www.garciafaura.com\\\/wp-content\\\/uploads\\\/2018\\\/09\\\/Promocio-Can-Mates-Sant-Cugat-07.jpg&quot;,&quot;title&quot;:&quot;Tancaments d&#039;alumini en promoci\\u00f3 d&#039;habitatges a Sant Cugat del Vall\\u00e8s&quot;},{&quot;src&quot;:&quot;https:\\\/\\\/www.garciafaura.com\\\/wp-content\\\/uploads\\\/2018\\\/09\\\/Promocio-Can-Mates-Sant-Cugat-06.jpg&quot;,&quot;title&quot;:&quot;Tancaments d&#039;alumini en promoci\\u00f3 d&#039;habitatges a Sant Cugat del Vall\\u00e8s&quot;},{&quot;src&quot;:&quot;https:\\\/\\\/www.garciafaura.com\\\/wp-content\\\/uploads\\\/2018\\\/09\\\/Promocio-Can-Mates-Sant-Cugat-05.jpg&quot;,&quot;title&quot;:&quot;Tancaments d&#039;alumini en promoci\\u00f3 d&#039;habitatges a Sant Cugat del Vall\\u00e8s&quot;},{&quot;src&quot;:&quot;https:\\\/\\\/www.garciafaura.com\\\/wp-content\\\/uploads\\\/2018\\\/09\\\/Promocio-Can-Mates-Sant-Cugat-04.jpg&quot;,&quot;title&quot;:&quot;Tancaments d&#039;alumini en promoci\\u00f3 d&#039;habitatges a Sant Cugat del Vall\\u00e8s&quot;},{&quot;src&quot;:&quot;https:\\\/\\\/www.garciafaura.com\\\/wp-content\\\/uploads\\\/2018\\\/09\\\/Promocio-Can-Mates-Sant-Cugat-03.jpg&quot;,&quot;title&quot;:&quot;Tancaments d&#039;alumini en promoci\\u00f3 d&#039;habitatges a Sant Cugat del Vall\\u00e8s&quot;},{&quot;src&quot;:&quot;https:\\\/\\\/www.garciafaura.com\\\/wp-content\\\/uploads\\\/2018\\\/09\\\/Promocio-Can-Mates-Sant-Cugat-02.jpg&quot;,&quot;title&quot;:&quot;Tancaments d&#039;alumini en promoci\\u00f3 d&#039;habitatges a Sant Cugat del Vall\\u00e8s&quot;}]\"><img loading=\"lazy\" decoding=\"async\" data-no-lazy=\"1\" class=\"portfolio-entry-img skip-lazy\" src=\"https:\/\/www.garciafaura.com\/wp-content\/uploads\/2018\/09\/Promocio-Can-Mates-Sant-Cugat-01-600x314.jpg\" alt=\"Aluminium Enclosures For The Residential Development At Sant Cugat Del Vall\u00e8s\" data-no-retina width=\"600\" height=\"314\" \/><\/a><\/div><div class=\"portfolio-entry-details entry-details wpex-clr\"><h2 class=\"portfolio-entry-title entry-title\"><a href=\"https:\/\/www.garciafaura.com\/en\/portfolio-item\/can-mates-development\/\" title=\"Can Mates development\">Can Mates development<\/a><\/h2><div class=\"portfolio-entry-categories entry-categories wpex-clr\"><a href=\"https:\/\/www.garciafaura.com\/en\/portfolio-category\/residential-complexes\/\" class=\"term-76\">Residential complexes<\/a><\/div><\/div><\/div><\/div><div class=\"portfolio-entry vcex-grid-item entry-has-details span_1_of_3 col col-3 vcex-isotope-entry vcex-no-margin-entry post-20739 entry type-portfolio has-media cat-76 translation_priority-15\"><div class=\"portfolio-entry-inner entry-inner wpex-clr\"><div class=\"portfolio-entry-media entry-media wpex-clr\"><a href=\"https:\/\/www.garciafaura.com\/wp-content\/uploads\/2018\/09\/Promocio\u0301-Sant-Gervasi-02.jpg\" title=\"Sant Gervasi development\" class=\"portfolio-entry-media-link wpex-lightbox-gallery\" data-gallery=\"[{&quot;src&quot;:&quot;https:\\\/\\\/www.garciafaura.com\\\/wp-content\\\/uploads\\\/2018\\\/09\\\/Promocio\\u0301-Sant-Gervasi-02.jpg&quot;,&quot;title&quot;:&quot;Enclosures for a 29-dwelling development in Barcelona.&quot;},{&quot;src&quot;:&quot;https:\\\/\\\/www.garciafaura.com\\\/wp-content\\\/uploads\\\/2018\\\/09\\\/Promocio\\u0301-Sant-Gervasi-06.jpg&quot;},{&quot;src&quot;:&quot;https:\\\/\\\/www.garciafaura.com\\\/wp-content\\\/uploads\\\/2018\\\/09\\\/Promocio\\u0301-Sant-Gervasi-05.jpg&quot;},{&quot;src&quot;:&quot;https:\\\/\\\/www.garciafaura.com\\\/wp-content\\\/uploads\\\/2018\\\/09\\\/Promocio\\u0301-Sant-Gervasi-04.jpg&quot;},{&quot;src&quot;:&quot;https:\\\/\\\/www.garciafaura.com\\\/wp-content\\\/uploads\\\/2018\\\/09\\\/Promocio\\u0301-Sant-Gervasi-03.jpg&quot;},{&quot;src&quot;:&quot;https:\\\/\\\/www.garciafaura.com\\\/wp-content\\\/uploads\\\/2018\\\/09\\\/Promocio\\u0301-Sant-Gervasi-01.jpg&quot;}]\"><img loading=\"lazy\" decoding=\"async\" data-no-lazy=\"1\" class=\"portfolio-entry-img skip-lazy\" src=\"https:\/\/www.garciafaura.com\/wp-content\/uploads\/2018\/09\/Promocio\u0301-Sant-Gervasi-02-600x314.jpg\" alt=\"Enclosures For A 29-dwelling Development In Barcelona.\" data-no-retina width=\"600\" height=\"314\" \/><\/a><\/div><div class=\"portfolio-entry-details entry-details wpex-clr\"><h2 class=\"portfolio-entry-title entry-title\"><a href=\"https:\/\/www.garciafaura.com\/en\/portfolio-item\/sant-gervasi-development\/\" title=\"Sant Gervasi development\">Sant Gervasi development<\/a><\/h2><div class=\"portfolio-entry-categories entry-categories wpex-clr\"><a href=\"https:\/\/www.garciafaura.com\/en\/portfolio-category\/residential-complexes\/\" class=\"term-76\">Residential complexes<\/a><\/div><\/div><\/div><\/div><div class=\"portfolio-entry vcex-grid-item entry-has-details span_1_of_3 col col-1 vcex-isotope-entry vcex-no-margin-entry post-20321 entry type-portfolio has-media cat-76 translation_priority-15\"><div class=\"portfolio-entry-inner entry-inner wpex-clr\"><div class=\"portfolio-entry-media entry-media wpex-clr\"><a href=\"https:\/\/www.garciafaura.com\/wp-content\/uploads\/2019\/01\/IMG_9029.jpg\" title=\"Sant Andreu development\" class=\"portfolio-entry-media-link wpex-lightbox-gallery\" data-gallery=\"[{&quot;src&quot;:&quot;https:\\\/\\\/www.garciafaura.com\\\/wp-content\\\/uploads\\\/2019\\\/01\\\/IMG_9036.jpg&quot;,&quot;title&quot;:&quot;Tancaments d&#039;alumini i vidre per a edifici residencial a Barcelona&quot;},{&quot;src&quot;:&quot;https:\\\/\\\/www.garciafaura.com\\\/wp-content\\\/uploads\\\/2019\\\/01\\\/IMG_9049.jpg&quot;,&quot;title&quot;:&quot;Tancaments d&#039;alumini i vidre per a edifici residencial a Barcelona&quot;},{&quot;src&quot;:&quot;https:\\\/\\\/www.garciafaura.com\\\/wp-content\\\/uploads\\\/2019\\\/01\\\/IMG_9048.jpg&quot;,&quot;title&quot;:&quot;Tancaments d&#039;alumini i vidre per a edifici residencial a Barcelona&quot;},{&quot;src&quot;:&quot;https:\\\/\\\/www.garciafaura.com\\\/wp-content\\\/uploads\\\/2019\\\/01\\\/IMG_9046.jpg&quot;,&quot;title&quot;:&quot;Tancaments d&#039;alumini i vidre per a edifici residencial a Barcelona&quot;},{&quot;src&quot;:&quot;https:\\\/\\\/www.garciafaura.com\\\/wp-content\\\/uploads\\\/2019\\\/01\\\/IMG_9045.jpg&quot;,&quot;title&quot;:&quot;Tancaments d&#039;alumini i vidre per a edifici residencial a Barcelona&quot;},{&quot;src&quot;:&quot;https:\\\/\\\/www.garciafaura.com\\\/wp-content\\\/uploads\\\/2019\\\/01\\\/IMG_9039.jpg&quot;,&quot;title&quot;:&quot;Tancaments d&#039;alumini i vidre per a edifici residencial a Barcelona&quot;},{&quot;src&quot;:&quot;https:\\\/\\\/www.garciafaura.com\\\/wp-content\\\/uploads\\\/2019\\\/01\\\/IMG_9037.jpg&quot;,&quot;title&quot;:&quot;Tancaments d&#039;alumini i vidre per a edifici residencial a Barcelona&quot;},{&quot;src&quot;:&quot;https:\\\/\\\/www.garciafaura.com\\\/wp-content\\\/uploads\\\/2019\\\/01\\\/IMG_9035.jpg&quot;,&quot;title&quot;:&quot;Tancaments d&#039;alumini i vidre per a edifici residencial a Barcelona&quot;},{&quot;src&quot;:&quot;https:\\\/\\\/www.garciafaura.com\\\/wp-content\\\/uploads\\\/2019\\\/01\\\/IMG_9031.jpg&quot;,&quot;title&quot;:&quot;Tancaments d&#039;alumini i vidre per a edifici residencial a Barcelona&quot;},{&quot;src&quot;:&quot;https:\\\/\\\/www.garciafaura.com\\\/wp-content\\\/uploads\\\/2019\\\/01\\\/IMG_9029.jpg&quot;,&quot;title&quot;:&quot;Aluminium and glazed enclosures for the residential building in Barcelona&quot;}]\"><img loading=\"lazy\" decoding=\"async\" data-no-lazy=\"1\" class=\"portfolio-entry-img skip-lazy\" src=\"https:\/\/www.garciafaura.com\/wp-content\/uploads\/2019\/01\/IMG_9029-600x314.jpg\" alt=\"Aluminium And Glazed Enclosures For The Residential Building In Barcelona\" data-no-retina width=\"600\" height=\"314\" \/><\/a><\/div><div class=\"portfolio-entry-details entry-details wpex-clr\"><h2 class=\"portfolio-entry-title entry-title\"><a href=\"https:\/\/www.garciafaura.com\/en\/portfolio-item\/sant-andreu-development\/\" title=\"Sant Andreu development\">Sant Andreu development<\/a><\/h2><div class=\"portfolio-entry-categories entry-categories wpex-clr\"><a href=\"https:\/\/www.garciafaura.com\/en\/portfolio-category\/residential-complexes\/\" class=\"term-76\">Residential complexes<\/a><\/div><\/div><\/div><\/div><div class=\"portfolio-entry vcex-grid-item entry-has-details span_1_of_3 col col-2 vcex-isotope-entry vcex-no-margin-entry post-20320 entry type-portfolio has-media cat-86 cat-76 translation_priority-15\"><div class=\"portfolio-entry-inner entry-inner wpex-clr\"><div class=\"portfolio-entry-media entry-media wpex-clr\"><a href=\"https:\/\/www.garciafaura.com\/wp-content\/uploads\/2018\/11\/Promocio\u0301-carrer-Biosca-01.jpg\" title=\"Biosca Developments\" class=\"portfolio-entry-media-link wpex-lightbox-gallery\" data-gallery=\"[{&quot;src&quot;:&quot;https:\\\/\\\/www.garciafaura.com\\\/wp-content\\\/uploads\\\/2018\\\/11\\\/Promocio\\u0301-carrer-Biosca-01.jpg&quot;,&quot;title&quot;:&quot;Aluminium enclosures for 3 residential buildings in Barcelona.&quot;},{&quot;src&quot;:&quot;https:\\\/\\\/www.garciafaura.com\\\/wp-content\\\/uploads\\\/2018\\\/11\\\/Promocio\\u0301-carrer-Biosca-11.jpg&quot;,&quot;title&quot;:&quot;Tancaments d&#039;alumini per a tres edificis d&#039;habitatges a\\u00a0Barcelona&quot;},{&quot;src&quot;:&quot;https:\\\/\\\/www.garciafaura.com\\\/wp-content\\\/uploads\\\/2018\\\/11\\\/Promocio\\u0301-carrer-Biosca-10.jpg&quot;,&quot;title&quot;:&quot;Tancaments d&#039;alumini per a tres edificis d&#039;habitatges a\\u00a0Barcelona&quot;},{&quot;src&quot;:&quot;https:\\\/\\\/www.garciafaura.com\\\/wp-content\\\/uploads\\\/2018\\\/11\\\/Promocio\\u0301-carrer-Biosca-09.jpg&quot;,&quot;title&quot;:&quot;Tancaments d&#039;alumini per a tres edificis d&#039;habitatges a\\u00a0Barcelona&quot;},{&quot;src&quot;:&quot;https:\\\/\\\/www.garciafaura.com\\\/wp-content\\\/uploads\\\/2018\\\/11\\\/Promocio\\u0301-carrer-Biosca-08.jpg&quot;,&quot;title&quot;:&quot;Tancaments d&#039;alumini per a tres edificis d&#039;habitatges a\\u00a0Barcelona&quot;},{&quot;src&quot;:&quot;https:\\\/\\\/www.garciafaura.com\\\/wp-content\\\/uploads\\\/2018\\\/11\\\/Promocio\\u0301-carrer-Biosca-07.jpg&quot;,&quot;title&quot;:&quot;Tancaments d&#039;alumini per a tres edificis d&#039;habitatges a\\u00a0Barcelona&quot;},{&quot;src&quot;:&quot;https:\\\/\\\/www.garciafaura.com\\\/wp-content\\\/uploads\\\/2018\\\/11\\\/Promocio\\u0301-carrer-Biosca-06.jpg&quot;,&quot;title&quot;:&quot;Tancaments d&#039;alumini per a tres edificis d&#039;habitatges a\\u00a0Barcelona&quot;},{&quot;src&quot;:&quot;https:\\\/\\\/www.garciafaura.com\\\/wp-content\\\/uploads\\\/2018\\\/11\\\/Promocio\\u0301-carrer-Biosca-05.jpg&quot;,&quot;title&quot;:&quot;Tancaments d&#039;alumini per a tres edificis d&#039;habitatges a\\u00a0Barcelona&quot;},{&quot;src&quot;:&quot;https:\\\/\\\/www.garciafaura.com\\\/wp-content\\\/uploads\\\/2018\\\/11\\\/Promocio\\u0301-carrer-Biosca-04.jpg&quot;,&quot;title&quot;:&quot;Tancaments d&#039;alumini per a tres edificis d&#039;habitatges a\\u00a0Barcelona&quot;},{&quot;src&quot;:&quot;https:\\\/\\\/www.garciafaura.com\\\/wp-content\\\/uploads\\\/2018\\\/11\\\/Promocio\\u0301-carrer-Biosca-03.jpg&quot;,&quot;title&quot;:&quot;Tancaments d&#039;alumini per a tres edificis d&#039;habitatges a\\u00a0Barcelona&quot;},{&quot;src&quot;:&quot;https:\\\/\\\/www.garciafaura.com\\\/wp-content\\\/uploads\\\/2018\\\/11\\\/Promocio\\u0301-carrer-Biosca-02.jpg&quot;,&quot;title&quot;:&quot;Tancaments d&#039;alumini per a tres edificis d&#039;habitatges a\\u00a0Barcelona&quot;}]\"><img loading=\"lazy\" decoding=\"async\" data-no-lazy=\"1\" class=\"portfolio-entry-img skip-lazy\" src=\"https:\/\/www.garciafaura.com\/wp-content\/uploads\/2018\/11\/Promocio\u0301-carrer-Biosca-01-600x314.jpg\" alt=\"Aluminium Enclosures For 3 Residential Buildings In Barcelona.\" data-no-retina width=\"600\" height=\"314\" \/><\/a><\/div><div class=\"portfolio-entry-details entry-details wpex-clr\"><h2 class=\"portfolio-entry-title entry-title\"><a href=\"https:\/\/www.garciafaura.com\/en\/portfolio-item\/biosca-developments\/\" title=\"Biosca Developments\">Biosca Developments<\/a><\/h2><div class=\"portfolio-entry-categories entry-categories wpex-clr\"><a href=\"https:\/\/www.garciafaura.com\/en\/portfolio-category\/destacat-residential-complexes\/\" class=\"term-86\">Destacat residential complexes<\/a><\/div><\/div><\/div><\/div><div class=\"portfolio-entry vcex-grid-item entry-has-details span_1_of_3 col col-3 vcex-isotope-entry vcex-no-margin-entry post-20319 entry type-portfolio has-media cat-76 translation_priority-15\"><div class=\"portfolio-entry-inner entry-inner wpex-clr\"><div class=\"portfolio-entry-media entry-media wpex-clr\"><a href=\"https:\/\/www.garciafaura.com\/wp-content\/uploads\/2018\/11\/Promocio\u0301-Carreras-Candi-01.jpg\" title=\"Carreras Candi development\" class=\"portfolio-entry-media-link wpex-lightbox-gallery\" data-gallery=\"[{&quot;src&quot;:&quot;https:\\\/\\\/www.garciafaura.com\\\/wp-content\\\/uploads\\\/2018\\\/11\\\/Promocio\\u0301-Carreras-Candi-01.jpg&quot;,&quot;title&quot;:&quot;Glazed aluminium enclosures in the Barcelona housing development.&quot;},{&quot;src&quot;:&quot;https:\\\/\\\/www.garciafaura.com\\\/wp-content\\\/uploads\\\/2018\\\/11\\\/Promocio\\u0301-Carreras-Candi-12.jpg&quot;,&quot;title&quot;:&quot;Tancaments d&#039;alumini i vidrieria en promoci\\u00f3 d&#039;habitatges a Barcelona&quot;},{&quot;src&quot;:&quot;https:\\\/\\\/www.garciafaura.com\\\/wp-content\\\/uploads\\\/2018\\\/11\\\/Promocio\\u0301-Carreras-Candi-11.jpg&quot;,&quot;title&quot;:&quot;Tancaments d&#039;alumini i vidrieria en promoci\\u00f3 d&#039;habitatges a Barcelona&quot;},{&quot;src&quot;:&quot;https:\\\/\\\/www.garciafaura.com\\\/wp-content\\\/uploads\\\/2018\\\/11\\\/Promocio\\u0301-Carreras-Candi-10.jpg&quot;,&quot;title&quot;:&quot;Tancaments d&#039;alumini i vidrieria en promoci\\u00f3 d&#039;habitatges a Barcelona&quot;},{&quot;src&quot;:&quot;https:\\\/\\\/www.garciafaura.com\\\/wp-content\\\/uploads\\\/2018\\\/11\\\/Promocio\\u0301-Carreras-Candi-09.jpg&quot;,&quot;title&quot;:&quot;Tancaments d&#039;alumini i vidrieria en promoci\\u00f3 d&#039;habitatges a Barcelona&quot;},{&quot;src&quot;:&quot;https:\\\/\\\/www.garciafaura.com\\\/wp-content\\\/uploads\\\/2018\\\/11\\\/Promocio\\u0301-Carreras-Candi-08.jpg&quot;,&quot;title&quot;:&quot;Tancaments d&#039;alumini i vidrieria en promoci\\u00f3 d&#039;habitatges a Barcelona&quot;},{&quot;src&quot;:&quot;https:\\\/\\\/www.garciafaura.com\\\/wp-content\\\/uploads\\\/2018\\\/11\\\/Promocio\\u0301-Carreras-Candi-07.jpg&quot;,&quot;title&quot;:&quot;Tancaments d&#039;alumini i vidrieria en promoci\\u00f3 d&#039;habitatges a Barcelona&quot;},{&quot;src&quot;:&quot;https:\\\/\\\/www.garciafaura.com\\\/wp-content\\\/uploads\\\/2018\\\/11\\\/Promocio\\u0301-Carreras-Candi-06.jpg&quot;,&quot;title&quot;:&quot;Tancaments d&#039;alumini i vidrieria en promoci\\u00f3 d&#039;habitatges a Barcelona&quot;},{&quot;src&quot;:&quot;https:\\\/\\\/www.garciafaura.com\\\/wp-content\\\/uploads\\\/2018\\\/11\\\/Promocio\\u0301-Carreras-Candi-05.jpg&quot;,&quot;title&quot;:&quot;Tancaments d&#039;alumini i vidrieria en promoci\\u00f3 d&#039;habitatges a Barcelona&quot;},{&quot;src&quot;:&quot;https:\\\/\\\/www.garciafaura.com\\\/wp-content\\\/uploads\\\/2018\\\/11\\\/Promocio\\u0301-Carreras-Candi-04.jpg&quot;,&quot;title&quot;:&quot;Tancaments d&#039;alumini i vidrieria en promoci\\u00f3 d&#039;habitatges a Barcelona&quot;},{&quot;src&quot;:&quot;https:\\\/\\\/www.garciafaura.com\\\/wp-content\\\/uploads\\\/2018\\\/11\\\/Promocio\\u0301-Carreras-Candi-03.jpg&quot;,&quot;title&quot;:&quot;Tancaments d&#039;alumini i vidrieria en promoci\\u00f3 d&#039;habitatges a Barcelona&quot;},{&quot;src&quot;:&quot;https:\\\/\\\/www.garciafaura.com\\\/wp-content\\\/uploads\\\/2018\\\/11\\\/Promocio\\u0301-Carreras-Candi-02.jpg&quot;,&quot;title&quot;:&quot;Tancaments d&#039;alumini i vidrieria en promoci\\u00f3 d&#039;habitatges a Barcelona&quot;}]\"><img loading=\"lazy\" decoding=\"async\" data-no-lazy=\"1\" class=\"portfolio-entry-img skip-lazy\" src=\"https:\/\/www.garciafaura.com\/wp-content\/uploads\/2018\/11\/Promocio\u0301-Carreras-Candi-01-600x314.jpg\" alt=\"Glazed Aluminium Enclosures In The Barcelona Housing Development.\" data-no-retina width=\"600\" height=\"314\" \/><\/a><\/div><div class=\"portfolio-entry-details entry-details wpex-clr\"><h2 class=\"portfolio-entry-title entry-title\"><a href=\"https:\/\/www.garciafaura.com\/en\/portfolio-item\/carreras-candi-development\/\" title=\"Carreras Candi development\">Carreras Candi development<\/a><\/h2><div class=\"portfolio-entry-categories entry-categories wpex-clr\"><a href=\"https:\/\/www.garciafaura.com\/en\/portfolio-category\/residential-complexes\/\" class=\"term-76\">Residential complexes<\/a><\/div><\/div><\/div><\/div><div class=\"portfolio-entry vcex-grid-item entry-has-details span_1_of_3 col col-1 vcex-isotope-entry vcex-no-margin-entry post-20311 entry type-portfolio has-media cat-86 cat-76 translation_priority-15\"><div class=\"portfolio-entry-inner entry-inner wpex-clr\"><div class=\"portfolio-entry-media entry-media wpex-clr\"><a href=\"https:\/\/www.garciafaura.com\/wp-content\/uploads\/2018\/10\/Promocio\u0301-Sant-Just-01.jpg\" title=\"Sant Just development\" class=\"portfolio-entry-media-link wpex-lightbox-gallery\" data-gallery=\"[{&quot;src&quot;:&quot;https:\\\/\\\/www.garciafaura.com\\\/wp-content\\\/uploads\\\/2018\\\/10\\\/Promocio\\u0301-Sant-Just-01.jpg&quot;,&quot;title&quot;:&quot;96-residence development in Sant Just Desvern&quot;},{&quot;src&quot;:&quot;https:\\\/\\\/www.garciafaura.com\\\/wp-content\\\/uploads\\\/2018\\\/10\\\/Promocio\\u0301-Sant-Just-17.jpg&quot;,&quot;title&quot;:&quot;Promoci\\u00f3 de 96 habitatges a Sant Just Desvern&quot;},{&quot;src&quot;:&quot;https:\\\/\\\/www.garciafaura.com\\\/wp-content\\\/uploads\\\/2018\\\/10\\\/Promocio\\u0301-Sant-Just-16.jpg&quot;,&quot;title&quot;:&quot;Promoci\\u00f3 de 96 habitatges a Sant Just Desvern&quot;},{&quot;src&quot;:&quot;https:\\\/\\\/www.garciafaura.com\\\/wp-content\\\/uploads\\\/2018\\\/10\\\/Promocio\\u0301-Sant-Just-15.jpg&quot;,&quot;title&quot;:&quot;Promoci\\u00f3 de 96 habitatges a Sant Just Desvern&quot;},{&quot;src&quot;:&quot;https:\\\/\\\/www.garciafaura.com\\\/wp-content\\\/uploads\\\/2018\\\/10\\\/Promocio\\u0301-Sant-Just-14.jpg&quot;,&quot;title&quot;:&quot;Promoci\\u00f3 de 96 habitatges a Sant Just Desvern&quot;},{&quot;src&quot;:&quot;https:\\\/\\\/www.garciafaura.com\\\/wp-content\\\/uploads\\\/2018\\\/10\\\/Promocio\\u0301-Sant-Just-13.jpg&quot;,&quot;title&quot;:&quot;Promoci\\u00f3 de 96 habitatges a Sant Just Desvern&quot;},{&quot;src&quot;:&quot;https:\\\/\\\/www.garciafaura.com\\\/wp-content\\\/uploads\\\/2018\\\/10\\\/Promocio\\u0301-Sant-Just-12.jpg&quot;,&quot;title&quot;:&quot;Promoci\\u00f3 de 96 habitatges a Sant Just Desvern&quot;},{&quot;src&quot;:&quot;https:\\\/\\\/www.garciafaura.com\\\/wp-content\\\/uploads\\\/2018\\\/10\\\/Promocio\\u0301-Sant-Just-11.jpg&quot;,&quot;title&quot;:&quot;Promoci\\u00f3 de 96 habitatges a Sant Just Desvern&quot;},{&quot;src&quot;:&quot;https:\\\/\\\/www.garciafaura.com\\\/wp-content\\\/uploads\\\/2018\\\/10\\\/Promocio\\u0301-Sant-Just-10.jpg&quot;,&quot;title&quot;:&quot;Promoci\\u00f3 de 96 habitatges a Sant Just Desvern&quot;},{&quot;src&quot;:&quot;https:\\\/\\\/www.garciafaura.com\\\/wp-content\\\/uploads\\\/2018\\\/10\\\/Promocio\\u0301-Sant-Just-09.jpg&quot;,&quot;title&quot;:&quot;Promoci\\u00f3 de 96 habitatges a Sant Just Desvern&quot;},{&quot;src&quot;:&quot;https:\\\/\\\/www.garciafaura.com\\\/wp-content\\\/uploads\\\/2018\\\/10\\\/Promocio\\u0301-Sant-Just-08.jpg&quot;,&quot;title&quot;:&quot;Promoci\\u00f3 de 96 habitatges a Sant Just Desvern&quot;},{&quot;src&quot;:&quot;https:\\\/\\\/www.garciafaura.com\\\/wp-content\\\/uploads\\\/2018\\\/10\\\/Promocio\\u0301-Sant-Just-07.jpg&quot;,&quot;title&quot;:&quot;Promoci\\u00f3 de 96 habitatges a Sant Just Desvern&quot;},{&quot;src&quot;:&quot;https:\\\/\\\/www.garciafaura.com\\\/wp-content\\\/uploads\\\/2018\\\/10\\\/Promocio\\u0301-Sant-Just-06.jpg&quot;,&quot;title&quot;:&quot;Promoci\\u00f3 de 96 habitatges a Sant Just Desvern&quot;},{&quot;src&quot;:&quot;https:\\\/\\\/www.garciafaura.com\\\/wp-content\\\/uploads\\\/2018\\\/10\\\/Promocio\\u0301-Sant-Just-05.jpg&quot;,&quot;title&quot;:&quot;Promoci\\u00f3 de 96 habitatges a Sant Just Desvern&quot;},{&quot;src&quot;:&quot;https:\\\/\\\/www.garciafaura.com\\\/wp-content\\\/uploads\\\/2018\\\/10\\\/Promocio\\u0301-Sant-Just-04.jpg&quot;,&quot;title&quot;:&quot;Promoci\\u00f3 de 96 habitatges a Sant Just Desvern&quot;},{&quot;src&quot;:&quot;https:\\\/\\\/www.garciafaura.com\\\/wp-content\\\/uploads\\\/2018\\\/10\\\/Promocio\\u0301-Sant-Just-03.jpg&quot;,&quot;title&quot;:&quot;Promoci\\u00f3 de 96 habitatges a Sant Just Desvern&quot;},{&quot;src&quot;:&quot;https:\\\/\\\/www.garciafaura.com\\\/wp-content\\\/uploads\\\/2018\\\/10\\\/Promocio\\u0301-Sant-Just-02.jpg&quot;,&quot;title&quot;:&quot;Promoci\\u00f3 de 96 habitatges a Sant Just Desvern&quot;}]\"><img loading=\"lazy\" decoding=\"async\" data-no-lazy=\"1\" class=\"portfolio-entry-img skip-lazy\" src=\"https:\/\/www.garciafaura.com\/wp-content\/uploads\/2018\/10\/Promocio\u0301-Sant-Just-01-600x314.jpg\" alt=\"96-residence Development In Sant Just Desvern\" data-no-retina width=\"600\" height=\"314\" \/><\/a><\/div><div class=\"portfolio-entry-details entry-details wpex-clr\"><h2 class=\"portfolio-entry-title entry-title\"><a href=\"https:\/\/www.garciafaura.com\/en\/portfolio-item\/sant-just-development\/\" title=\"Sant Just development\">Sant Just development<\/a><\/h2><div class=\"portfolio-entry-categories entry-categories wpex-clr\"><a href=\"https:\/\/www.garciafaura.com\/en\/portfolio-category\/destacat-residential-complexes\/\" class=\"term-86\">Destacat residential complexes<\/a><\/div><\/div><\/div><\/div><div class=\"portfolio-entry vcex-grid-item entry-has-details span_1_of_3 col col-2 vcex-isotope-entry vcex-no-margin-entry post-20308 entry type-portfolio has-media cat-76 translation_priority-15\"><div class=\"portfolio-entry-inner entry-inner wpex-clr\"><div class=\"portfolio-entry-media entry-media wpex-clr\"><a href=\"https:\/\/www.garciafaura.com\/wp-content\/uploads\/2018\/11\/Promocio\u0301-carrer-Lepant-01.jpg\" title=\"Calle Lepant development\" class=\"portfolio-entry-media-link wpex-lightbox-gallery\" data-gallery=\"[{&quot;src&quot;:&quot;https:\\\/\\\/www.garciafaura.com\\\/wp-content\\\/uploads\\\/2018\\\/11\\\/Promocio\\u0301-carrer-Lepant-01.jpg&quot;,&quot;title&quot;:&quot;High-quality residential development in Barcelona&#039;s Eixample district&quot;},{&quot;src&quot;:&quot;https:\\\/\\\/www.garciafaura.com\\\/wp-content\\\/uploads\\\/2018\\\/11\\\/Promocio\\u0301-carrer-Lepant-13.jpg&quot;,&quot;title&quot;:&quot;Promoci\\u00f3 d&#039;habitatges d&#039;altes qualitats a l&#039;Eixample de Barcelona&quot;},{&quot;src&quot;:&quot;https:\\\/\\\/www.garciafaura.com\\\/wp-content\\\/uploads\\\/2018\\\/11\\\/Promocio\\u0301-carrer-Lepant-12.jpg&quot;,&quot;title&quot;:&quot;Promoci\\u00f3 d&#039;habitatges d&#039;altes qualitats a l&#039;Eixample de Barcelona&quot;},{&quot;src&quot;:&quot;https:\\\/\\\/www.garciafaura.com\\\/wp-content\\\/uploads\\\/2018\\\/11\\\/Promocio\\u0301-carrer-Lepant-11.jpg&quot;,&quot;title&quot;:&quot;Promoci\\u00f3 d&#039;habitatges d&#039;altes qualitats a l&#039;Eixample de Barcelona&quot;},{&quot;src&quot;:&quot;https:\\\/\\\/www.garciafaura.com\\\/wp-content\\\/uploads\\\/2018\\\/11\\\/Promocio\\u0301-carrer-Lepant-10.jpg&quot;,&quot;title&quot;:&quot;Promoci\\u00f3 d&#039;habitatges d&#039;altes qualitats a l&#039;Eixample de Barcelona&quot;},{&quot;src&quot;:&quot;https:\\\/\\\/www.garciafaura.com\\\/wp-content\\\/uploads\\\/2018\\\/11\\\/Promocio\\u0301-carrer-Lepant-09.jpg&quot;,&quot;title&quot;:&quot;Promoci\\u00f3 d&#039;habitatges d&#039;altes qualitats a l&#039;Eixample de Barcelona&quot;},{&quot;src&quot;:&quot;https:\\\/\\\/www.garciafaura.com\\\/wp-content\\\/uploads\\\/2018\\\/11\\\/Promocio\\u0301-carrer-Lepant-08.jpg&quot;,&quot;title&quot;:&quot;Promoci\\u00f3 d&#039;habitatges d&#039;altes qualitats a l&#039;Eixample de Barcelona&quot;},{&quot;src&quot;:&quot;https:\\\/\\\/www.garciafaura.com\\\/wp-content\\\/uploads\\\/2018\\\/11\\\/Promocio\\u0301-carrer-Lepant-07.jpg&quot;,&quot;title&quot;:&quot;Promoci\\u00f3 d&#039;habitatges d&#039;altes qualitats a l&#039;Eixample de Barcelona&quot;},{&quot;src&quot;:&quot;https:\\\/\\\/www.garciafaura.com\\\/wp-content\\\/uploads\\\/2018\\\/11\\\/Promocio\\u0301-carrer-Lepant-06.jpg&quot;,&quot;title&quot;:&quot;Promoci\\u00f3 d&#039;habitatges d&#039;altes qualitats a l&#039;Eixample de Barcelona&quot;},{&quot;src&quot;:&quot;https:\\\/\\\/www.garciafaura.com\\\/wp-content\\\/uploads\\\/2018\\\/11\\\/Promocio\\u0301-carrer-Lepant-05.jpg&quot;,&quot;title&quot;:&quot;Promoci\\u00f3 d&#039;habitatges d&#039;altes qualitats a l&#039;Eixample de Barcelona&quot;},{&quot;src&quot;:&quot;https:\\\/\\\/www.garciafaura.com\\\/wp-content\\\/uploads\\\/2018\\\/11\\\/Promocio\\u0301-carrer-Lepant-04.jpg&quot;,&quot;title&quot;:&quot;Promoci\\u00f3 d&#039;habitatges d&#039;altes qualitats a l&#039;Eixample de Barcelona&quot;},{&quot;src&quot;:&quot;https:\\\/\\\/www.garciafaura.com\\\/wp-content\\\/uploads\\\/2018\\\/11\\\/Promocio\\u0301-carrer-Lepant-03.jpg&quot;,&quot;title&quot;:&quot;Promoci\\u00f3 d&#039;habitatges d&#039;altes qualitats a l&#039;Eixample de Barcelona&quot;},{&quot;src&quot;:&quot;https:\\\/\\\/www.garciafaura.com\\\/wp-content\\\/uploads\\\/2018\\\/11\\\/Promocio\\u0301-carrer-Lepant-02.jpg&quot;,&quot;title&quot;:&quot;Promoci\\u00f3 d&#039;habitatges d&#039;altes qualitats a l&#039;Eixample de Barcelona&quot;}]\"><img loading=\"lazy\" decoding=\"async\" data-no-lazy=\"1\" class=\"portfolio-entry-img skip-lazy\" src=\"https:\/\/www.garciafaura.com\/wp-content\/uploads\/2018\/11\/Promocio\u0301-carrer-Lepant-01-600x314.jpg\" alt=\"High-quality Residential Development In Barcelona's Eixample District\" data-no-retina width=\"600\" height=\"314\" \/><\/a><\/div><div class=\"portfolio-entry-details entry-details wpex-clr\"><h2 class=\"portfolio-entry-title entry-title\"><a href=\"https:\/\/www.garciafaura.com\/en\/portfolio-item\/calle-lepant-development\/\" title=\"Calle Lepant development\">Calle Lepant development<\/a><\/h2><div class=\"portfolio-entry-categories entry-categories wpex-clr\"><a href=\"https:\/\/www.garciafaura.com\/en\/portfolio-category\/residential-complexes\/\" class=\"term-76\">Residential complexes<\/a><\/div><\/div><\/div><\/div><div class=\"portfolio-entry vcex-grid-item entry-has-details span_1_of_3 col col-3 vcex-isotope-entry vcex-no-margin-entry post-20306 entry type-portfolio has-media cat-76 translation_priority-15\"><div class=\"portfolio-entry-inner entry-inner wpex-clr\"><div class=\"portfolio-entry-media entry-media wpex-clr\"><a href=\"https:\/\/www.garciafaura.com\/wp-content\/uploads\/2018\/11\/Promocio\u0301-plac\u0327a-Constitucio\u0301-Viladecans-01.jpg\" title=\"Plaza Constituci\u00f3 development\" class=\"portfolio-entry-media-link wpex-lightbox-gallery\" data-gallery=\"[{&quot;src&quot;:&quot;https:\\\/\\\/www.garciafaura.com\\\/wp-content\\\/uploads\\\/2018\\\/11\\\/Promocio\\u0301-plac\\u0327a-Constitucio\\u0301-Viladecans-01.jpg&quot;,&quot;title&quot;:&quot;Glazed aluminium enclosures in the Viadecans housing development.&quot;},{&quot;src&quot;:&quot;https:\\\/\\\/www.garciafaura.com\\\/wp-content\\\/uploads\\\/2018\\\/10\\\/Promocio\\u0301-Constitucio\\u0301-Viladecans-01.jpg&quot;,&quot;title&quot;:&quot;Glazed aluminium enclosures in the Viadecans housing development.&quot;},{&quot;src&quot;:&quot;https:\\\/\\\/www.garciafaura.com\\\/wp-content\\\/uploads\\\/2018\\\/10\\\/Promocio\\u0301-Constitucio\\u0301-Viladecans-07.jpg&quot;,&quot;title&quot;:&quot;Tancaments d&#039;alumini i vidrieria en promoci\\u00f3 d&#039;habitatges a Viladecans&quot;},{&quot;src&quot;:&quot;https:\\\/\\\/www.garciafaura.com\\\/wp-content\\\/uploads\\\/2018\\\/10\\\/Promocio\\u0301-Constitucio\\u0301-Viladecans-06.jpg&quot;,&quot;title&quot;:&quot;Tancaments d&#039;alumini i vidrieria en promoci\\u00f3 d&#039;habitatges a Viladecans&quot;},{&quot;src&quot;:&quot;https:\\\/\\\/www.garciafaura.com\\\/wp-content\\\/uploads\\\/2018\\\/10\\\/Promocio\\u0301-Constitucio\\u0301-Viladecans-05.jpg&quot;,&quot;title&quot;:&quot;Tancaments d&#039;alumini i vidrieria en promoci\\u00f3 d&#039;habitatges a Viladecans&quot;},{&quot;src&quot;:&quot;https:\\\/\\\/www.garciafaura.com\\\/wp-content\\\/uploads\\\/2018\\\/10\\\/Promocio\\u0301-Constitucio\\u0301-Viladecans-04.jpg&quot;,&quot;title&quot;:&quot;Tancaments d&#039;alumini i vidrieria en promoci\\u00f3 d&#039;habitatges a Viladecans&quot;},{&quot;src&quot;:&quot;https:\\\/\\\/www.garciafaura.com\\\/wp-content\\\/uploads\\\/2018\\\/10\\\/Promocio\\u0301-Constitucio\\u0301-Viladecans-03.jpg&quot;,&quot;title&quot;:&quot;Tancaments d&#039;alumini i vidrieria en promoci\\u00f3 d&#039;habitatges a Viladecans&quot;},{&quot;src&quot;:&quot;https:\\\/\\\/www.garciafaura.com\\\/wp-content\\\/uploads\\\/2018\\\/10\\\/Promocio\\u0301-Constitucio\\u0301-Viladecans-02.jpg&quot;,&quot;title&quot;:&quot;Tancaments d&#039;alumini i vidrieria en promoci\\u00f3 d&#039;habitatges a Viladecans&quot;}]\"><img decoding=\"async\" data-no-lazy=\"1\" class=\"portfolio-entry-img skip-lazy\" src=\"https:\/\/www.garciafaura.com\/wp-content\/uploads\/2018\/11\/Promocio\u0301-plac\u0327a-Constitucio\u0301-Viladecans-01-x.jpg\" alt=\"Glazed Aluminium Enclosures In The Viadecans Housing Development.\" data-no-retina \/><\/a><\/div><div class=\"portfolio-entry-details entry-details wpex-clr\"><h2 class=\"portfolio-entry-title entry-title\"><a href=\"https:\/\/www.garciafaura.com\/en\/portfolio-item\/plaza-constitucio-development\/\" title=\"Plaza Constituci\u00f3 development\">Plaza Constituci\u00f3 development<\/a><\/h2><div class=\"portfolio-entry-categories entry-categories wpex-clr\"><a href=\"https:\/\/www.garciafaura.com\/en\/portfolio-category\/residential-complexes\/\" class=\"term-76\">Residential complexes<\/a><\/div><\/div><\/div><\/div><div class=\"portfolio-entry vcex-grid-item entry-has-details span_1_of_3 col col-1 vcex-isotope-entry vcex-no-margin-entry post-20299 entry type-portfolio has-media cat-82 cat-80 cat-76 translation_priority-15\"><div class=\"portfolio-entry-inner entry-inner wpex-clr\"><div class=\"portfolio-entry-media entry-media wpex-clr\"><a href=\"https:\/\/www.garciafaura.com\/wp-content\/uploads\/2019\/03\/11264-01.jpg\" title=\"Alaia Building\" class=\"portfolio-entry-media-link wpex-lightbox-gallery\" data-gallery=\"[{&quot;src&quot;:&quot;https:\\\/\\\/www.garciafaura.com\\\/wp-content\\\/uploads\\\/2019\\\/03\\\/11264-01.jpg&quot;,&quot;title&quot;:&quot;COLOMBIA ALAIA&quot;},{&quot;src&quot;:&quot;https:\\\/\\\/www.garciafaura.com\\\/wp-content\\\/uploads\\\/2019\\\/03\\\/11264-05.jpg&quot;,&quot;title&quot;:&quot;COLOMBIA ALAIA&quot;},{&quot;src&quot;:&quot;https:\\\/\\\/www.garciafaura.com\\\/wp-content\\\/uploads\\\/2019\\\/03\\\/11264-04.jpg&quot;,&quot;title&quot;:&quot;COLOMBIA ALAIA&quot;},{&quot;src&quot;:&quot;https:\\\/\\\/www.garciafaura.com\\\/wp-content\\\/uploads\\\/2019\\\/03\\\/11264-03.jpg&quot;,&quot;title&quot;:&quot;COLOMBIA ALAIA&quot;},{&quot;src&quot;:&quot;https:\\\/\\\/www.garciafaura.com\\\/wp-content\\\/uploads\\\/2019\\\/03\\\/11264-02.jpg&quot;,&quot;title&quot;:&quot;COLOMBIA ALAIA&quot;}]\"><img loading=\"lazy\" decoding=\"async\" data-no-lazy=\"1\" class=\"portfolio-entry-img skip-lazy\" src=\"https:\/\/www.garciafaura.com\/wp-content\/uploads\/2019\/03\/11264-01-600x314.jpg\" alt=\"COLOMBIA ALAIA\" data-no-retina width=\"600\" height=\"314\" \/><\/a><\/div><div class=\"portfolio-entry-details entry-details wpex-clr\"><h2 class=\"portfolio-entry-title entry-title\"><a href=\"https:\/\/www.garciafaura.com\/en\/portfolio-item\/alaia-building\/\" title=\"Alaia Building\">Alaia Building<\/a><\/h2><div class=\"portfolio-entry-categories entry-categories wpex-clr\"><a href=\"https:\/\/www.garciafaura.com\/en\/portfolio-category\/destacat-international\/\" class=\"term-82\">Destacat International<\/a><\/div><\/div><\/div><\/div><div class=\"portfolio-entry vcex-grid-item entry-has-details span_1_of_3 col col-2 vcex-isotope-entry vcex-no-margin-entry post-20301 entry type-portfolio has-media cat-76 translation_priority-15\"><div class=\"portfolio-entry-inner entry-inner wpex-clr\"><div class=\"portfolio-entry-media entry-media wpex-clr\"><a href=\"https:\/\/www.garciafaura.com\/wp-content\/uploads\/2018\/11\/Habitatges-carrer-Watt-03.jpg\" title=\"Calle Watt residences\" class=\"portfolio-entry-media-link wpex-lightbox-gallery\" data-gallery=\"[{&quot;src&quot;:&quot;https:\\\/\\\/www.garciafaura.com\\\/wp-content\\\/uploads\\\/2018\\\/11\\\/Habitatges-carrer-Watt-03.jpg&quot;,&quot;title&quot;:&quot;Renovation of a group of residences in a Barcelona building steeped in history&quot;},{&quot;src&quot;:&quot;https:\\\/\\\/www.garciafaura.com\\\/wp-content\\\/uploads\\\/2018\\\/11\\\/Habitatges-carrer-Watt-07.jpg&quot;,&quot;title&quot;:&quot;Rehabilitaci\\u00f3 de conjunt d&#039;habitatges en edifici hist\\u00f2ric de Barcelona&quot;},{&quot;src&quot;:&quot;https:\\\/\\\/www.garciafaura.com\\\/wp-content\\\/uploads\\\/2018\\\/11\\\/Habitatges-carrer-Watt-06.jpg&quot;,&quot;title&quot;:&quot;Rehabilitaci\\u00f3 de conjunt d&#039;habitatges en edifici hist\\u00f2ric de Barcelona&quot;},{&quot;src&quot;:&quot;https:\\\/\\\/www.garciafaura.com\\\/wp-content\\\/uploads\\\/2018\\\/11\\\/Habitatges-carrer-Watt-05.jpg&quot;,&quot;title&quot;:&quot;Rehabilitaci\\u00f3 de conjunt d&#039;habitatges en edifici hist\\u00f2ric de Barcelona&quot;},{&quot;src&quot;:&quot;https:\\\/\\\/www.garciafaura.com\\\/wp-content\\\/uploads\\\/2018\\\/11\\\/Habitatges-carrer-Watt-04.jpg&quot;,&quot;title&quot;:&quot;Rehabilitaci\\u00f3 de conjunt d&#039;habitatges en edifici hist\\u00f2ric de Barcelona&quot;},{&quot;src&quot;:&quot;https:\\\/\\\/www.garciafaura.com\\\/wp-content\\\/uploads\\\/2018\\\/11\\\/Habitatges-carrer-Watt-02.jpg&quot;,&quot;title&quot;:&quot;Rehabilitaci\\u00f3 de conjunt d&#039;habitatges en edifici hist\\u00f2ric de Barcelona&quot;},{&quot;src&quot;:&quot;https:\\\/\\\/www.garciafaura.com\\\/wp-content\\\/uploads\\\/2018\\\/11\\\/Habitatges-carrer-Watt-01.jpg&quot;,&quot;title&quot;:&quot;Rehabilitaci\\u00f3 de conjunt d&#039;habitatges en edifici hist\\u00f2ric de Barcelona&quot;}]\"><img decoding=\"async\" data-no-lazy=\"1\" class=\"portfolio-entry-img skip-lazy\" src=\"https:\/\/www.garciafaura.com\/wp-content\/uploads\/2018\/11\/Habitatges-carrer-Watt-03-x.jpg\" alt=\"Renovation Of A Group Of Residences In A Barcelona Building Steeped In History\" data-no-retina \/><\/a><\/div><div class=\"portfolio-entry-details entry-details wpex-clr\"><h2 class=\"portfolio-entry-title entry-title\"><a href=\"https:\/\/www.garciafaura.com\/en\/portfolio-item\/calle-watt-residences\/\" title=\"Calle Watt residences\">Calle Watt residences<\/a><\/h2><div class=\"portfolio-entry-categories entry-categories wpex-clr\"><a href=\"https:\/\/www.garciafaura.com\/en\/portfolio-category\/residential-complexes\/\" class=\"term-76\">Residential complexes<\/a><\/div><\/div><\/div><\/div><div class=\"portfolio-entry vcex-grid-item entry-has-details span_1_of_3 col col-3 vcex-isotope-entry vcex-no-margin-entry post-20298 entry type-portfolio has-media cat-76 translation_priority-15\"><div class=\"portfolio-entry-inner entry-inner wpex-clr\"><div class=\"portfolio-entry-media entry-media wpex-clr\"><a href=\"https:\/\/www.garciafaura.com\/wp-content\/uploads\/2018\/11\/Promocio\u0301-Sant-Feliu-Llobregat-01.jpg\" title=\"Sant Feliu de Llobregat development\" class=\"portfolio-entry-media-link wpex-lightbox-gallery\" data-gallery=\"[{&quot;src&quot;:&quot;https:\\\/\\\/www.garciafaura.com\\\/wp-content\\\/uploads\\\/2018\\\/11\\\/Promocio\\u0301-Sant-Feliu-Llobregat-01.jpg&quot;,&quot;title&quot;:&quot;Aluminium joinery works in a housing development in Sant Feliu de Llobregat&quot;},{&quot;src&quot;:&quot;https:\\\/\\\/www.garciafaura.com\\\/wp-content\\\/uploads\\\/2018\\\/11\\\/Promocio\\u0301-Sant-Feliu-Llobregat-07.jpg&quot;,&quot;title&quot;:&quot;Treballs de fusteria d&#039;alumini en conjunt d&#039;habitatges a Sant Feliu de Llobregat&quot;},{&quot;src&quot;:&quot;https:\\\/\\\/www.garciafaura.com\\\/wp-content\\\/uploads\\\/2018\\\/11\\\/Promocio\\u0301-Sant-Feliu-Llobregat-06.jpg&quot;,&quot;title&quot;:&quot;Treballs de fusteria d&#039;alumini en conjunt d&#039;habitatges a Sant Feliu de Llobregat&quot;},{&quot;src&quot;:&quot;https:\\\/\\\/www.garciafaura.com\\\/wp-content\\\/uploads\\\/2018\\\/11\\\/Promocio\\u0301-Sant-Feliu-Llobregat-05.jpg&quot;,&quot;title&quot;:&quot;Treballs de fusteria d&#039;alumini en conjunt d&#039;habitatges a Sant Feliu de Llobregat&quot;},{&quot;src&quot;:&quot;https:\\\/\\\/www.garciafaura.com\\\/wp-content\\\/uploads\\\/2018\\\/11\\\/Promocio\\u0301-Sant-Feliu-Llobregat-04.jpg&quot;,&quot;title&quot;:&quot;Treballs de fusteria d&#039;alumini en conjunt d&#039;habitatges a Sant Feliu de Llobregat&quot;},{&quot;src&quot;:&quot;https:\\\/\\\/www.garciafaura.com\\\/wp-content\\\/uploads\\\/2018\\\/11\\\/Promocio\\u0301-Sant-Feliu-Llobregat-03.jpg&quot;,&quot;title&quot;:&quot;Treballs de fusteria d&#039;alumini en conjunt d&#039;habitatges a Sant Feliu de Llobregat&quot;},{&quot;src&quot;:&quot;https:\\\/\\\/www.garciafaura.com\\\/wp-content\\\/uploads\\\/2018\\\/11\\\/Promocio\\u0301-Sant-Feliu-Llobregat-02.jpg&quot;,&quot;title&quot;:&quot;Treballs de fusteria d&#039;alumini en conjunt d&#039;habitatges a Sant Feliu de Llobregat&quot;}]\"><img loading=\"lazy\" decoding=\"async\" data-no-lazy=\"1\" class=\"portfolio-entry-img skip-lazy\" src=\"https:\/\/www.garciafaura.com\/wp-content\/uploads\/2018\/11\/Promocio\u0301-Sant-Feliu-Llobregat-01-600x314.jpg\" alt=\"Aluminium Joinery Works In A Housing Development In Sant Feliu De Llobregat\" data-no-retina width=\"600\" height=\"314\" \/><\/a><\/div><div class=\"portfolio-entry-details entry-details wpex-clr\"><h2 class=\"portfolio-entry-title entry-title\"><a href=\"https:\/\/www.garciafaura.com\/en\/portfolio-item\/sant-feliu-de-llobregat-development-2\/\" title=\"Sant Feliu de Llobregat development\">Sant Feliu de Llobregat development<\/a><\/h2><div class=\"portfolio-entry-categories entry-categories wpex-clr\"><a href=\"https:\/\/www.garciafaura.com\/en\/portfolio-category\/residential-complexes\/\" class=\"term-76\">Residential complexes<\/a><\/div><\/div><\/div><\/div><div class=\"portfolio-entry vcex-grid-item entry-has-details span_1_of_3 col col-1 vcex-isotope-entry vcex-no-margin-entry post-20296 entry type-portfolio has-media cat-76 translation_priority-15\"><div class=\"portfolio-entry-inner entry-inner wpex-clr\"><div class=\"portfolio-entry-media entry-media wpex-clr\"><a href=\"https:\/\/www.garciafaura.com\/wp-content\/uploads\/2018\/11\/Promocio\u0301-Arrahona-Sabadell.jpg\" title=\"Arrahona development\" class=\"portfolio-entry-media-link wpex-lightbox-gallery\" data-gallery=\"[{&quot;src&quot;:&quot;https:\\\/\\\/www.garciafaura.com\\\/wp-content\\\/uploads\\\/2018\\\/11\\\/Promocio\\u0301-Arrahona-Sabadell.jpg&quot;,&quot;title&quot;:&quot;Enclosures in a 23-residence public housing block in Sabadell&quot;}]\"><img loading=\"lazy\" decoding=\"async\" data-no-lazy=\"1\" class=\"portfolio-entry-img skip-lazy\" src=\"https:\/\/www.garciafaura.com\/wp-content\/uploads\/2018\/11\/Promocio\u0301-Arrahona-Sabadell-600x314.jpg\" alt=\"Enclosures In A 23-residence Public Housing Block In Sabadell\" data-no-retina width=\"600\" height=\"314\" \/><\/a><\/div><div class=\"portfolio-entry-details entry-details wpex-clr\"><h2 class=\"portfolio-entry-title entry-title\"><a href=\"https:\/\/www.garciafaura.com\/en\/portfolio-item\/arrahona-development\/\" title=\"Arrahona development\">Arrahona development<\/a><\/h2><div class=\"portfolio-entry-categories entry-categories wpex-clr\"><a href=\"https:\/\/www.garciafaura.com\/en\/portfolio-category\/residential-complexes\/\" class=\"term-76\">Residential complexes<\/a><\/div><\/div><\/div><\/div><div class=\"portfolio-entry vcex-grid-item entry-has-details span_1_of_3 col col-2 vcex-isotope-entry vcex-no-margin-entry post-20292 entry type-portfolio has-media cat-76 translation_priority-15\"><div class=\"portfolio-entry-inner entry-inner wpex-clr\"><div class=\"portfolio-entry-media entry-media wpex-clr\"><a href=\"https:\/\/www.garciafaura.com\/wp-content\/uploads\/2018\/11\/Promocio\u0301-carrer-Modolell-05.jpg\" title=\"Calle Modolell development\" class=\"portfolio-entry-media-link wpex-lightbox-gallery\" data-gallery=\"[{&quot;src&quot;:&quot;https:\\\/\\\/www.garciafaura.com\\\/wp-content\\\/uploads\\\/2018\\\/11\\\/Promocio\\u0301-carrer-Modolell-08.jpg&quot;,&quot;title&quot;:&quot;Tancaments en promoci\\u00f3 residencial al barri de Sarri\\u00e0 - Sant Gervasi de Barcelona&quot;},{&quot;src&quot;:&quot;https:\\\/\\\/www.garciafaura.com\\\/wp-content\\\/uploads\\\/2018\\\/11\\\/Promocio\\u0301-carrer-Modolell-11.jpg&quot;,&quot;title&quot;:&quot;Tancaments en promoci\\u00f3 residencial al barri de Sarri\\u00e0 - Sant Gervasi de Barcelona&quot;},{&quot;src&quot;:&quot;https:\\\/\\\/www.garciafaura.com\\\/wp-content\\\/uploads\\\/2018\\\/11\\\/Promocio\\u0301-carrer-Modolell-10.jpg&quot;,&quot;title&quot;:&quot;Tancaments en promoci\\u00f3 residencial al barri de Sarri\\u00e0 - Sant Gervasi de Barcelona&quot;},{&quot;src&quot;:&quot;https:\\\/\\\/www.garciafaura.com\\\/wp-content\\\/uploads\\\/2018\\\/11\\\/Promocio\\u0301-carrer-Modolell-09.jpg&quot;,&quot;title&quot;:&quot;Tancaments en promoci\\u00f3 residencial al barri de Sarri\\u00e0 - Sant Gervasi de Barcelona&quot;},{&quot;src&quot;:&quot;https:\\\/\\\/www.garciafaura.com\\\/wp-content\\\/uploads\\\/2018\\\/11\\\/Promocio\\u0301-carrer-Modolell-07.jpg&quot;,&quot;title&quot;:&quot;Tancaments en promoci\\u00f3 residencial al barri de Sarri\\u00e0 - Sant Gervasi de Barcelona&quot;},{&quot;src&quot;:&quot;https:\\\/\\\/www.garciafaura.com\\\/wp-content\\\/uploads\\\/2018\\\/11\\\/Promocio\\u0301-carrer-Modolell-05.jpg&quot;,&quot;title&quot;:&quot;Enclosures for the residential development in the Sarri\\u00e0 - Sant Gervasi district of Barcelona&quot;},{&quot;src&quot;:&quot;https:\\\/\\\/www.garciafaura.com\\\/wp-content\\\/uploads\\\/2018\\\/11\\\/Promocio\\u0301-carrer-Modolell-06.jpg&quot;,&quot;title&quot;:&quot;Tancaments en promoci\\u00f3 residencial al barri de Sarri\\u00e0 - Sant Gervasi de Barcelona&quot;},{&quot;src&quot;:&quot;https:\\\/\\\/www.garciafaura.com\\\/wp-content\\\/uploads\\\/2018\\\/11\\\/Promocio\\u0301-carrer-Modolell-04.jpg&quot;,&quot;title&quot;:&quot;Tancaments en promoci\\u00f3 residencial al barri de Sarri\\u00e0 - Sant Gervasi de Barcelona&quot;},{&quot;src&quot;:&quot;https:\\\/\\\/www.garciafaura.com\\\/wp-content\\\/uploads\\\/2018\\\/11\\\/Promocio\\u0301-carrer-Modolell-03.jpg&quot;,&quot;title&quot;:&quot;Tancaments en promoci\\u00f3 residencial al barri de Sarri\\u00e0 - Sant Gervasi de Barcelona&quot;},{&quot;src&quot;:&quot;https:\\\/\\\/www.garciafaura.com\\\/wp-content\\\/uploads\\\/2018\\\/11\\\/Promocio\\u0301-carrer-Modolell-02.jpg&quot;,&quot;title&quot;:&quot;Tancaments en promoci\\u00f3 residencial al barri de Sarri\\u00e0 - Sant Gervasi de Barcelona&quot;},{&quot;src&quot;:&quot;https:\\\/\\\/www.garciafaura.com\\\/wp-content\\\/uploads\\\/2018\\\/11\\\/Promocio\\u0301-carrer-Modolell-01.jpg&quot;,&quot;title&quot;:&quot;Tancaments en promoci\\u00f3 residencial al barri de Sarri\\u00e0 - Sant Gervasi de Barcelona&quot;}]\"><img loading=\"lazy\" decoding=\"async\" data-no-lazy=\"1\" class=\"portfolio-entry-img skip-lazy\" src=\"https:\/\/www.garciafaura.com\/wp-content\/uploads\/2018\/11\/Promocio\u0301-carrer-Modolell-05-600x314.jpg\" alt=\"Enclosures For The Residential Development In The Sarri\u00e0 - Sant Gervasi District Of Barcelona\" data-no-retina width=\"600\" height=\"314\" \/><\/a><\/div><div class=\"portfolio-entry-details entry-details wpex-clr\"><h2 class=\"portfolio-entry-title entry-title\"><a href=\"https:\/\/www.garciafaura.com\/en\/portfolio-item\/calle-modolell-development\/\" title=\"Calle Modolell development\">Calle Modolell development<\/a><\/h2><div class=\"portfolio-entry-categories entry-categories wpex-clr\"><a href=\"https:\/\/www.garciafaura.com\/en\/portfolio-category\/residential-complexes\/\" class=\"term-76\">Residential complexes<\/a><\/div><\/div><\/div><\/div><div class=\"portfolio-entry vcex-grid-item entry-has-details span_1_of_3 col col-3 vcex-isotope-entry vcex-no-margin-entry post-20291 entry type-portfolio has-media cat-76 translation_priority-15\"><div class=\"portfolio-entry-inner entry-inner wpex-clr\"><div class=\"portfolio-entry-media entry-media wpex-clr\"><a href=\"https:\/\/www.garciafaura.com\/wp-content\/uploads\/2018\/11\/Promocio\u0301-carrer-Came\u0300lies-06.jpg\" title=\"Cam\u00e8lies development\" class=\"portfolio-entry-media-link wpex-lightbox-gallery\" data-gallery=\"[{&quot;src&quot;:&quot;https:\\\/\\\/www.garciafaura.com\\\/wp-content\\\/uploads\\\/2018\\\/11\\\/Promocio\\u0301-carrer-Came\\u0300lies-06.jpg&quot;,&quot;title&quot;:&quot;Enclosures and solar protection for the residential development in Barcelona&quot;},{&quot;src&quot;:&quot;https:\\\/\\\/www.garciafaura.com\\\/wp-content\\\/uploads\\\/2018\\\/11\\\/Promocio\\u0301-carrer-Came\\u0300lies-05.jpg&quot;,&quot;title&quot;:&quot;Tancaments i proteccions solars per a promoci\\u00f3 d&#039;habitatges a Barcelona&quot;},{&quot;src&quot;:&quot;https:\\\/\\\/www.garciafaura.com\\\/wp-content\\\/uploads\\\/2018\\\/11\\\/Promocio\\u0301-carrer-Came\\u0300lies-04.jpg&quot;,&quot;title&quot;:&quot;Tancaments i proteccions solars per a promoci\\u00f3 d&#039;habitatges a Barcelona&quot;},{&quot;src&quot;:&quot;https:\\\/\\\/www.garciafaura.com\\\/wp-content\\\/uploads\\\/2018\\\/11\\\/Promocio\\u0301-carrer-Came\\u0300lies-03.jpg&quot;,&quot;title&quot;:&quot;Tancaments i proteccions solars per a promoci\\u00f3 d&#039;habitatges a Barcelona&quot;},{&quot;src&quot;:&quot;https:\\\/\\\/www.garciafaura.com\\\/wp-content\\\/uploads\\\/2018\\\/11\\\/Promocio\\u0301-carrer-Came\\u0300lies-02.jpg&quot;,&quot;title&quot;:&quot;Tancaments i proteccions solars per a promoci\\u00f3 d&#039;habitatges a Barcelona&quot;},{&quot;src&quot;:&quot;https:\\\/\\\/www.garciafaura.com\\\/wp-content\\\/uploads\\\/2018\\\/11\\\/Promocio\\u0301-carrer-Came\\u0300lies-01.jpg&quot;,&quot;title&quot;:&quot;Tancaments i proteccions solars per a promoci\\u00f3 d&#039;habitatges a Barcelona&quot;}]\"><img loading=\"lazy\" decoding=\"async\" data-no-lazy=\"1\" class=\"portfolio-entry-img skip-lazy\" src=\"https:\/\/www.garciafaura.com\/wp-content\/uploads\/2018\/11\/Promocio\u0301-carrer-Came\u0300lies-06-600x314.jpg\" alt=\"Enclosures And Solar Protection For The Residential Development In Barcelona\" data-no-retina width=\"600\" height=\"314\" \/><\/a><\/div><div class=\"portfolio-entry-details entry-details wpex-clr\"><h2 class=\"portfolio-entry-title entry-title\"><a href=\"https:\/\/www.garciafaura.com\/en\/portfolio-item\/camelies-development\/\" title=\"Cam\u00e8lies development\">Cam\u00e8lies development<\/a><\/h2><div class=\"portfolio-entry-categories entry-categories wpex-clr\"><a href=\"https:\/\/www.garciafaura.com\/en\/portfolio-category\/residential-complexes\/\" class=\"term-76\">Residential complexes<\/a><\/div><\/div><\/div><\/div><div class=\"portfolio-entry vcex-grid-item entry-has-details span_1_of_3 col col-1 vcex-isotope-entry vcex-no-margin-entry post-20287 entry type-portfolio has-media cat-76 cat-74 translation_priority-15\"><div class=\"portfolio-entry-inner entry-inner wpex-clr\"><div class=\"portfolio-entry-media entry-media wpex-clr\"><a href=\"https:\/\/www.garciafaura.com\/wp-content\/uploads\/2018\/11\/Promocio\u0301-Andrea-Doria-01.jpg\" title=\"Andrea Doria development\" class=\"portfolio-entry-media-link wpex-lightbox-gallery\" data-gallery=\"[{&quot;src&quot;:&quot;https:\\\/\\\/www.garciafaura.com\\\/wp-content\\\/uploads\\\/2018\\\/11\\\/Promocio\\u0301-Andrea-Doria-01.jpg&quot;,&quot;title&quot;:&quot;Enclosures for 30 residences, premises and childcare facility for La Barceloneta in Barcelona&quot;},{&quot;src&quot;:&quot;https:\\\/\\\/www.garciafaura.com\\\/wp-content\\\/uploads\\\/2018\\\/11\\\/Promocio\\u0301-Andrea-Doria-12.jpg&quot;,&quot;title&quot;:&quot;Tancaments de 30 habitatges, locals i llar d&#039;infants La Barceloneta, a Barcelona&quot;},{&quot;src&quot;:&quot;https:\\\/\\\/www.garciafaura.com\\\/wp-content\\\/uploads\\\/2018\\\/11\\\/Promocio\\u0301-Andrea-Doria-11.jpg&quot;,&quot;title&quot;:&quot;Tancaments de 30 habitatges, locals i llar d&#039;infants La Barceloneta, a Barcelona&quot;},{&quot;src&quot;:&quot;https:\\\/\\\/www.garciafaura.com\\\/wp-content\\\/uploads\\\/2018\\\/11\\\/Promocio\\u0301-Andrea-Doria-10.jpg&quot;,&quot;title&quot;:&quot;Tancaments de 30 habitatges, locals i llar d&#039;infants La Barceloneta, a Barcelona&quot;},{&quot;src&quot;:&quot;https:\\\/\\\/www.garciafaura.com\\\/wp-content\\\/uploads\\\/2018\\\/11\\\/Promocio\\u0301-Andrea-Doria-09.jpg&quot;,&quot;title&quot;:&quot;Tancaments de 30 habitatges, locals i llar d&#039;infants La Barceloneta, a Barcelona&quot;},{&quot;src&quot;:&quot;https:\\\/\\\/www.garciafaura.com\\\/wp-content\\\/uploads\\\/2018\\\/11\\\/Promocio\\u0301-Andrea-Doria-08.jpg&quot;,&quot;title&quot;:&quot;Tancaments de 30 habitatges, locals i llar d&#039;infants La Barceloneta, a Barcelona&quot;},{&quot;src&quot;:&quot;https:\\\/\\\/www.garciafaura.com\\\/wp-content\\\/uploads\\\/2018\\\/11\\\/Promocio\\u0301-Andrea-Doria-07.jpg&quot;,&quot;title&quot;:&quot;Tancaments de 30 habitatges, locals i llar d&#039;infants La Barceloneta, a Barcelona&quot;},{&quot;src&quot;:&quot;https:\\\/\\\/www.garciafaura.com\\\/wp-content\\\/uploads\\\/2018\\\/11\\\/Promocio\\u0301-Andrea-Doria-06.jpg&quot;,&quot;title&quot;:&quot;Tancaments de 30 habitatges, locals i llar d&#039;infants La Barceloneta, a Barcelona&quot;},{&quot;src&quot;:&quot;https:\\\/\\\/www.garciafaura.com\\\/wp-content\\\/uploads\\\/2018\\\/11\\\/Promocio\\u0301-Andrea-Doria-05.jpg&quot;,&quot;title&quot;:&quot;Tancaments de 30 habitatges, locals i llar d&#039;infants La Barceloneta, a Barcelona&quot;},{&quot;src&quot;:&quot;https:\\\/\\\/www.garciafaura.com\\\/wp-content\\\/uploads\\\/2018\\\/11\\\/Promocio\\u0301-Andrea-Doria-04.jpg&quot;,&quot;title&quot;:&quot;Tancaments de 30 habitatges, locals i llar d&#039;infants La Barceloneta, a Barcelona&quot;},{&quot;src&quot;:&quot;https:\\\/\\\/www.garciafaura.com\\\/wp-content\\\/uploads\\\/2018\\\/11\\\/Promocio\\u0301-Andrea-Doria-03.jpg&quot;,&quot;title&quot;:&quot;Tancaments de 30 habitatges, locals i llar d&#039;infants La Barceloneta, a Barcelona&quot;},{&quot;src&quot;:&quot;https:\\\/\\\/www.garciafaura.com\\\/wp-content\\\/uploads\\\/2018\\\/11\\\/Promocio\\u0301-Andrea-Doria-02.jpg&quot;,&quot;title&quot;:&quot;Tancaments de 30 habitatges, locals i llar d&#039;infants La Barceloneta, a Barcelona&quot;}]\"><img loading=\"lazy\" decoding=\"async\" data-no-lazy=\"1\" class=\"portfolio-entry-img skip-lazy\" src=\"https:\/\/www.garciafaura.com\/wp-content\/uploads\/2018\/11\/Promocio\u0301-Andrea-Doria-01-600x314.jpg\" alt=\"Enclosures For 30 Residences, Premises And Childcare Facility For La Barceloneta In Barcelona\" data-no-retina width=\"600\" height=\"314\" \/><\/a><\/div><div class=\"portfolio-entry-details entry-details wpex-clr\"><h2 class=\"portfolio-entry-title entry-title\"><a href=\"https:\/\/www.garciafaura.com\/en\/portfolio-item\/andrea-doria-development\/\" title=\"Andrea Doria development\">Andrea Doria development<\/a><\/h2><div class=\"portfolio-entry-categories entry-categories wpex-clr\"><a href=\"https:\/\/www.garciafaura.com\/en\/portfolio-category\/residential-complexes\/\" class=\"term-76\">Residential complexes<\/a><\/div><\/div><\/div><\/div><div class=\"portfolio-entry vcex-grid-item entry-has-details span_1_of_3 col col-2 vcex-isotope-entry vcex-no-margin-entry post-20284 entry type-portfolio has-media cat-86 cat-76 translation_priority-15\"><div class=\"portfolio-entry-inner entry-inner wpex-clr\"><div class=\"portfolio-entry-media entry-media wpex-clr\"><a href=\"https:\/\/www.garciafaura.com\/wp-content\/uploads\/2018\/11\/Promocio\u0301-Badalona-Port-01.jpg\" title=\"Badalona Port development\" class=\"portfolio-entry-media-link wpex-lightbox-gallery\" data-gallery=\"[{&quot;src&quot;:&quot;https:\\\/\\\/www.garciafaura.com\\\/wp-content\\\/uploads\\\/2018\\\/11\\\/Promocio\\u0301-Badalona-Port-01.jpg&quot;,&quot;title&quot;:&quot;750 aluminium enclosures for the new development in Badalona&quot;},{&quot;src&quot;:&quot;https:\\\/\\\/www.garciafaura.com\\\/wp-content\\\/uploads\\\/2018\\\/11\\\/Promocio\\u0301-Badalona-Port-17.jpg&quot;,&quot;title&quot;:&quot;750 tancaments d&#039;alumini en nova promoci\\u00f3 a Badalona&quot;},{&quot;src&quot;:&quot;https:\\\/\\\/www.garciafaura.com\\\/wp-content\\\/uploads\\\/2018\\\/11\\\/Promocio\\u0301-Badalona-Port-16.jpg&quot;,&quot;title&quot;:&quot;750 tancaments d&#039;alumini en nova promoci\\u00f3 a Badalona&quot;},{&quot;src&quot;:&quot;https:\\\/\\\/www.garciafaura.com\\\/wp-content\\\/uploads\\\/2018\\\/11\\\/Promocio\\u0301-Badalona-Port-15.jpg&quot;,&quot;title&quot;:&quot;750 tancaments d&#039;alumini en nova promoci\\u00f3 a Badalona&quot;},{&quot;src&quot;:&quot;https:\\\/\\\/www.garciafaura.com\\\/wp-content\\\/uploads\\\/2018\\\/11\\\/Promocio\\u0301-Badalona-Port-14.jpg&quot;,&quot;title&quot;:&quot;750 tancaments d&#039;alumini en nova promoci\\u00f3 a Badalona&quot;},{&quot;src&quot;:&quot;https:\\\/\\\/www.garciafaura.com\\\/wp-content\\\/uploads\\\/2018\\\/11\\\/Promocio\\u0301-Badalona-Port-13.jpg&quot;,&quot;title&quot;:&quot;750 tancaments d&#039;alumini en nova promoci\\u00f3 a Badalona&quot;},{&quot;src&quot;:&quot;https:\\\/\\\/www.garciafaura.com\\\/wp-content\\\/uploads\\\/2018\\\/11\\\/Promocio\\u0301-Badalona-Port-12.jpg&quot;,&quot;title&quot;:&quot;750 tancaments d&#039;alumini en nova promoci\\u00f3 a Badalona&quot;},{&quot;src&quot;:&quot;https:\\\/\\\/www.garciafaura.com\\\/wp-content\\\/uploads\\\/2018\\\/11\\\/Promocio\\u0301-Badalona-Port-11.jpg&quot;,&quot;title&quot;:&quot;750 tancaments d&#039;alumini en nova promoci\\u00f3 a Badalona&quot;},{&quot;src&quot;:&quot;https:\\\/\\\/www.garciafaura.com\\\/wp-content\\\/uploads\\\/2018\\\/11\\\/Promocio\\u0301-Badalona-Port-10.jpg&quot;,&quot;title&quot;:&quot;750 tancaments d&#039;alumini en nova promoci\\u00f3 a Badalona&quot;},{&quot;src&quot;:&quot;https:\\\/\\\/www.garciafaura.com\\\/wp-content\\\/uploads\\\/2018\\\/11\\\/Promocio\\u0301-Badalona-Port-09.jpg&quot;,&quot;title&quot;:&quot;750 tancaments d&#039;alumini en nova promoci\\u00f3 a Badalona&quot;},{&quot;src&quot;:&quot;https:\\\/\\\/www.garciafaura.com\\\/wp-content\\\/uploads\\\/2018\\\/11\\\/Promocio\\u0301-Badalona-Port-08.jpg&quot;,&quot;title&quot;:&quot;750 tancaments d&#039;alumini en nova promoci\\u00f3 a Badalona&quot;},{&quot;src&quot;:&quot;https:\\\/\\\/www.garciafaura.com\\\/wp-content\\\/uploads\\\/2018\\\/11\\\/Promocio\\u0301-Badalona-Port-07.jpg&quot;,&quot;title&quot;:&quot;750 tancaments d&#039;alumini en nova promoci\\u00f3 a Badalona&quot;},{&quot;src&quot;:&quot;https:\\\/\\\/www.garciafaura.com\\\/wp-content\\\/uploads\\\/2018\\\/11\\\/Promocio\\u0301-Badalona-Port-06.jpg&quot;,&quot;title&quot;:&quot;750 tancaments d&#039;alumini en nova promoci\\u00f3 a Badalona&quot;},{&quot;src&quot;:&quot;https:\\\/\\\/www.garciafaura.com\\\/wp-content\\\/uploads\\\/2018\\\/11\\\/Promocio\\u0301-Badalona-Port-05.jpg&quot;,&quot;title&quot;:&quot;750 tancaments d&#039;alumini en nova promoci\\u00f3 a Badalona&quot;},{&quot;src&quot;:&quot;https:\\\/\\\/www.garciafaura.com\\\/wp-content\\\/uploads\\\/2018\\\/11\\\/Promocio\\u0301-Badalona-Port-04.jpg&quot;,&quot;title&quot;:&quot;750 tancaments d&#039;alumini en nova promoci\\u00f3 a Badalona&quot;},{&quot;src&quot;:&quot;https:\\\/\\\/www.garciafaura.com\\\/wp-content\\\/uploads\\\/2018\\\/11\\\/Promocio\\u0301-Badalona-Port-03.jpg&quot;,&quot;title&quot;:&quot;750 tancaments d&#039;alumini en nova promoci\\u00f3 a Badalona&quot;},{&quot;src&quot;:&quot;https:\\\/\\\/www.garciafaura.com\\\/wp-content\\\/uploads\\\/2018\\\/11\\\/Promocio\\u0301-Badalona-Port-02.jpg&quot;,&quot;title&quot;:&quot;750 tancaments d&#039;alumini en nova promoci\\u00f3 a Badalona&quot;}]\"><img loading=\"lazy\" decoding=\"async\" data-no-lazy=\"1\" class=\"portfolio-entry-img skip-lazy\" src=\"https:\/\/www.garciafaura.com\/wp-content\/uploads\/2018\/11\/Promocio\u0301-Badalona-Port-01-600x314.jpg\" alt=\"750 Aluminium Enclosures For The New Development In Badalona\" data-no-retina width=\"600\" height=\"314\" \/><\/a><\/div><div class=\"portfolio-entry-details entry-details wpex-clr\"><h2 class=\"portfolio-entry-title entry-title\"><a href=\"https:\/\/www.garciafaura.com\/en\/portfolio-item\/badalona-port-development\/\" title=\"Badalona Port development\">Badalona Port development<\/a><\/h2><div class=\"portfolio-entry-categories entry-categories wpex-clr\"><a href=\"https:\/\/www.garciafaura.com\/en\/portfolio-category\/destacat-residential-complexes\/\" class=\"term-86\">Destacat residential complexes<\/a><\/div><\/div><\/div><\/div><div class=\"portfolio-entry vcex-grid-item entry-has-details span_1_of_3 col col-3 vcex-isotope-entry vcex-no-margin-entry post-20277 entry type-portfolio has-media cat-76 translation_priority-15\"><div class=\"portfolio-entry-inner entry-inner wpex-clr\"><div class=\"portfolio-entry-media entry-media wpex-clr\"><a href=\"https:\/\/www.garciafaura.com\/wp-content\/uploads\/2018\/11\/Promocio\u0301-Antonio-Machado-Viladecans-01.jpg\" title=\"Antonio Machado development\" class=\"portfolio-entry-media-link wpex-lightbox-gallery\" data-gallery=\"[{&quot;src&quot;:&quot;https:\\\/\\\/www.garciafaura.com\\\/wp-content\\\/uploads\\\/2018\\\/11\\\/Promocio\\u0301-Antonio-Machado-Viladecans-01.jpg&quot;,&quot;title&quot;:&quot;Glazed aluminium enclosures in the Viadecans housing development.&quot;},{&quot;src&quot;:&quot;https:\\\/\\\/www.garciafaura.com\\\/wp-content\\\/uploads\\\/2018\\\/11\\\/Promocio\\u0301-Antonio-Machado-Viladecans-25.jpg&quot;,&quot;title&quot;:&quot;Tancaments d&#039;alumini i vidre en promoci\\u00f3 d&#039;habitatges a Viladecans&quot;},{&quot;src&quot;:&quot;https:\\\/\\\/www.garciafaura.com\\\/wp-content\\\/uploads\\\/2018\\\/11\\\/Promocio\\u0301-Antonio-Machado-Viladecans-24.jpg&quot;,&quot;title&quot;:&quot;Tancaments d&#039;alumini i vidre en promoci\\u00f3 d&#039;habitatges a Viladecans&quot;},{&quot;src&quot;:&quot;https:\\\/\\\/www.garciafaura.com\\\/wp-content\\\/uploads\\\/2018\\\/11\\\/Promocio\\u0301-Antonio-Machado-Viladecans-23.jpg&quot;,&quot;title&quot;:&quot;Tancaments d&#039;alumini i vidre en promoci\\u00f3 d&#039;habitatges a Viladecans&quot;},{&quot;src&quot;:&quot;https:\\\/\\\/www.garciafaura.com\\\/wp-content\\\/uploads\\\/2018\\\/11\\\/Promocio\\u0301-Antonio-Machado-Viladecans-22.jpg&quot;,&quot;title&quot;:&quot;Tancaments d&#039;alumini i vidre en promoci\\u00f3 d&#039;habitatges a Viladecans&quot;},{&quot;src&quot;:&quot;https:\\\/\\\/www.garciafaura.com\\\/wp-content\\\/uploads\\\/2018\\\/11\\\/Promocio\\u0301-Antonio-Machado-Viladecans-21.jpg&quot;,&quot;title&quot;:&quot;Tancaments d&#039;alumini i vidre en promoci\\u00f3 d&#039;habitatges a Viladecans&quot;},{&quot;src&quot;:&quot;https:\\\/\\\/www.garciafaura.com\\\/wp-content\\\/uploads\\\/2018\\\/11\\\/Promocio\\u0301-Antonio-Machado-Viladecans-20.jpg&quot;,&quot;title&quot;:&quot;Tancaments d&#039;alumini i vidre en promoci\\u00f3 d&#039;habitatges a Viladecans&quot;},{&quot;src&quot;:&quot;https:\\\/\\\/www.garciafaura.com\\\/wp-content\\\/uploads\\\/2018\\\/11\\\/Promocio\\u0301-Antonio-Machado-Viladecans-19.jpg&quot;,&quot;title&quot;:&quot;Tancaments d&#039;alumini i vidre en promoci\\u00f3 d&#039;habitatges a Viladecans&quot;},{&quot;src&quot;:&quot;https:\\\/\\\/www.garciafaura.com\\\/wp-content\\\/uploads\\\/2018\\\/11\\\/Promocio\\u0301-Antonio-Machado-Viladecans-18.jpg&quot;,&quot;title&quot;:&quot;Tancaments d&#039;alumini i vidre en promoci\\u00f3 d&#039;habitatges a Viladecans&quot;},{&quot;src&quot;:&quot;https:\\\/\\\/www.garciafaura.com\\\/wp-content\\\/uploads\\\/2018\\\/11\\\/Promocio\\u0301-Antonio-Machado-Viladecans-17.jpg&quot;,&quot;title&quot;:&quot;Tancaments d&#039;alumini i vidre en promoci\\u00f3 d&#039;habitatges a Viladecans&quot;},{&quot;src&quot;:&quot;https:\\\/\\\/www.garciafaura.com\\\/wp-content\\\/uploads\\\/2018\\\/11\\\/Promocio\\u0301-Antonio-Machado-Viladecans-16.jpg&quot;,&quot;title&quot;:&quot;Tancaments d&#039;alumini i vidre en promoci\\u00f3 d&#039;habitatges a Viladecans&quot;},{&quot;src&quot;:&quot;https:\\\/\\\/www.garciafaura.com\\\/wp-content\\\/uploads\\\/2018\\\/11\\\/Promocio\\u0301-Antonio-Machado-Viladecans-15.jpg&quot;,&quot;title&quot;:&quot;Tancaments d&#039;alumini i vidre en promoci\\u00f3 d&#039;habitatges a Viladecans&quot;},{&quot;src&quot;:&quot;https:\\\/\\\/www.garciafaura.com\\\/wp-content\\\/uploads\\\/2018\\\/11\\\/Promocio\\u0301-Antonio-Machado-Viladecans-14.jpg&quot;,&quot;title&quot;:&quot;Tancaments d&#039;alumini i vidre en promoci\\u00f3 d&#039;habitatges a Viladecans&quot;},{&quot;src&quot;:&quot;https:\\\/\\\/www.garciafaura.com\\\/wp-content\\\/uploads\\\/2018\\\/11\\\/Promocio\\u0301-Antonio-Machado-Viladecans-13.jpg&quot;,&quot;title&quot;:&quot;Tancaments d&#039;alumini i vidre en promoci\\u00f3 d&#039;habitatges a Viladecans&quot;},{&quot;src&quot;:&quot;https:\\\/\\\/www.garciafaura.com\\\/wp-content\\\/uploads\\\/2018\\\/11\\\/Promocio\\u0301-Antonio-Machado-Viladecans-12.jpg&quot;,&quot;title&quot;:&quot;Tancaments d&#039;alumini i vidre en promoci\\u00f3 d&#039;habitatges a Viladecans&quot;},{&quot;src&quot;:&quot;https:\\\/\\\/www.garciafaura.com\\\/wp-content\\\/uploads\\\/2018\\\/11\\\/Promocio\\u0301-Antonio-Machado-Viladecans-11.jpg&quot;,&quot;title&quot;:&quot;Tancaments d&#039;alumini i vidre en promoci\\u00f3 d&#039;habitatges a Viladecans&quot;},{&quot;src&quot;:&quot;https:\\\/\\\/www.garciafaura.com\\\/wp-content\\\/uploads\\\/2018\\\/11\\\/Promocio\\u0301-Antonio-Machado-Viladecans-10.jpg&quot;,&quot;title&quot;:&quot;Tancaments d&#039;alumini i vidre en promoci\\u00f3 d&#039;habitatges a Viladecans&quot;},{&quot;src&quot;:&quot;https:\\\/\\\/www.garciafaura.com\\\/wp-content\\\/uploads\\\/2018\\\/11\\\/Promocio\\u0301-Antonio-Machado-Viladecans-09.jpg&quot;,&quot;title&quot;:&quot;Tancaments d&#039;alumini i vidre en promoci\\u00f3 d&#039;habitatges a Viladecans&quot;},{&quot;src&quot;:&quot;https:\\\/\\\/www.garciafaura.com\\\/wp-content\\\/uploads\\\/2018\\\/11\\\/Promocio\\u0301-Antonio-Machado-Viladecans-08.jpg&quot;,&quot;title&quot;:&quot;Tancaments d&#039;alumini i vidre en promoci\\u00f3 d&#039;habitatges a Viladecans&quot;},{&quot;src&quot;:&quot;https:\\\/\\\/www.garciafaura.com\\\/wp-content\\\/uploads\\\/2018\\\/11\\\/Promocio\\u0301-Antonio-Machado-Viladecans-07.jpg&quot;,&quot;title&quot;:&quot;Tancaments d&#039;alumini i vidre en promoci\\u00f3 d&#039;habitatges a Viladecans&quot;},{&quot;src&quot;:&quot;https:\\\/\\\/www.garciafaura.com\\\/wp-content\\\/uploads\\\/2018\\\/11\\\/Promocio\\u0301-Antonio-Machado-Viladecans-06.jpg&quot;,&quot;title&quot;:&quot;Tancaments d&#039;alumini i vidre en promoci\\u00f3 d&#039;habitatges a Viladecans&quot;},{&quot;src&quot;:&quot;https:\\\/\\\/www.garciafaura.com\\\/wp-content\\\/uploads\\\/2018\\\/11\\\/Promocio\\u0301-Antonio-Machado-Viladecans-05.jpg&quot;,&quot;title&quot;:&quot;Tancaments d&#039;alumini i vidre en promoci\\u00f3 d&#039;habitatges a Viladecans&quot;},{&quot;src&quot;:&quot;https:\\\/\\\/www.garciafaura.com\\\/wp-content\\\/uploads\\\/2018\\\/11\\\/Promocio\\u0301-Antonio-Machado-Viladecans-04.jpg&quot;,&quot;title&quot;:&quot;Tancaments d&#039;alumini i vidre en promoci\\u00f3 d&#039;habitatges a Viladecans&quot;},{&quot;src&quot;:&quot;https:\\\/\\\/www.garciafaura.com\\\/wp-content\\\/uploads\\\/2018\\\/11\\\/Promocio\\u0301-Antonio-Machado-Viladecans-03.jpg&quot;,&quot;title&quot;:&quot;Tancaments d&#039;alumini i vidre en promoci\\u00f3 d&#039;habitatges a Viladecans&quot;},{&quot;src&quot;:&quot;https:\\\/\\\/www.garciafaura.com\\\/wp-content\\\/uploads\\\/2018\\\/11\\\/Promocio\\u0301-Antonio-Machado-Viladecans-02.jpg&quot;,&quot;title&quot;:&quot;Tancaments d&#039;alumini i vidre en promoci\\u00f3 d&#039;habitatges a Viladecans&quot;}]\"><img loading=\"lazy\" decoding=\"async\" data-no-lazy=\"1\" class=\"portfolio-entry-img skip-lazy\" src=\"https:\/\/www.garciafaura.com\/wp-content\/uploads\/2018\/11\/Promocio\u0301-Antonio-Machado-Viladecans-01-600x314.jpg\" alt=\"Glazed Aluminium Enclosures In The Viadecans Housing Development.\" data-no-retina width=\"600\" height=\"314\" \/><\/a><\/div><div class=\"portfolio-entry-details entry-details wpex-clr\"><h2 class=\"portfolio-entry-title entry-title\"><a href=\"https:\/\/www.garciafaura.com\/en\/portfolio-item\/antonio-machado-development\/\" title=\"Antonio Machado development\">Antonio Machado development<\/a><\/h2><div class=\"portfolio-entry-categories entry-categories wpex-clr\"><a href=\"https:\/\/www.garciafaura.com\/en\/portfolio-category\/residential-complexes\/\" class=\"term-76\">Residential complexes<\/a><\/div><\/div><\/div><\/div><div class=\"portfolio-entry vcex-grid-item entry-has-details span_1_of_3 col col-1 vcex-isotope-entry vcex-no-margin-entry post-20272 entry type-portfolio has-media cat-76 translation_priority-15\"><div class=\"portfolio-entry-inner entry-inner wpex-clr\"><div class=\"portfolio-entry-media entry-media wpex-clr\"><a href=\"https:\/\/www.garciafaura.com\/wp-content\/uploads\/2018\/11\/Habitatge-Pau-Alcover-01.jpg\" title=\"Pau Alcover residence\" class=\"portfolio-entry-media-link wpex-lightbox-gallery\" data-gallery=\"[{&quot;src&quot;:&quot;https:\\\/\\\/www.garciafaura.com\\\/wp-content\\\/uploads\\\/2018\\\/11\\\/Habitatge-Pau-Alcover-01.jpg&quot;,&quot;title&quot;:&quot;Enclosures for highly energy efficient residences in Barcelona&quot;},{&quot;src&quot;:&quot;https:\\\/\\\/www.garciafaura.com\\\/wp-content\\\/uploads\\\/2018\\\/11\\\/Habitatge-Pau-Alcover-06.jpg&quot;,&quot;title&quot;:&quot;Tancaments en habitatges d&#039;alta efici\\u00e8ncia energ\\u00e8tica a Barcelona&quot;},{&quot;src&quot;:&quot;https:\\\/\\\/www.garciafaura.com\\\/wp-content\\\/uploads\\\/2018\\\/11\\\/Habitatge-Pau-Alcover-05.jpg&quot;,&quot;title&quot;:&quot;Tancaments en habitatges d&#039;alta efici\\u00e8ncia energ\\u00e8tica a Barcelona&quot;},{&quot;src&quot;:&quot;https:\\\/\\\/www.garciafaura.com\\\/wp-content\\\/uploads\\\/2018\\\/11\\\/Habitatge-Pau-Alcover-04.jpg&quot;,&quot;title&quot;:&quot;Tancaments en habitatges d&#039;alta efici\\u00e8ncia energ\\u00e8tica a Barcelona&quot;},{&quot;src&quot;:&quot;https:\\\/\\\/www.garciafaura.com\\\/wp-content\\\/uploads\\\/2018\\\/11\\\/Habitatge-Pau-Alcover-03.jpg&quot;,&quot;title&quot;:&quot;Tancaments en habitatges d&#039;alta efici\\u00e8ncia energ\\u00e8tica a Barcelona&quot;},{&quot;src&quot;:&quot;https:\\\/\\\/www.garciafaura.com\\\/wp-content\\\/uploads\\\/2018\\\/11\\\/Habitatge-Pau-Alcover-02.jpg&quot;,&quot;title&quot;:&quot;Tancaments en habitatges d&#039;alta efici\\u00e8ncia energ\\u00e8tica a Barcelona&quot;}]\"><img loading=\"lazy\" decoding=\"async\" data-no-lazy=\"1\" class=\"portfolio-entry-img skip-lazy\" src=\"https:\/\/www.garciafaura.com\/wp-content\/uploads\/2018\/11\/Habitatge-Pau-Alcover-01.jpg\" alt=\"Enclosures For Highly Energy Efficient Residences In Barcelona\" data-no-retina width=\"600\" height=\"313\" \/><\/a><\/div><div class=\"portfolio-entry-details entry-details wpex-clr\"><h2 class=\"portfolio-entry-title entry-title\"><a href=\"https:\/\/www.garciafaura.com\/en\/portfolio-item\/pau-alcover-residence\/\" title=\"Pau Alcover residence\">Pau Alcover residence<\/a><\/h2><div class=\"portfolio-entry-categories entry-categories wpex-clr\"><a href=\"https:\/\/www.garciafaura.com\/en\/portfolio-category\/residential-complexes\/\" class=\"term-76\">Residential complexes<\/a><\/div><\/div><\/div><\/div><div class=\"portfolio-entry vcex-grid-item entry-has-details span_1_of_3 col col-2 vcex-isotope-entry vcex-no-margin-entry post-20271 entry type-portfolio has-media cat-76 translation_priority-15\"><div class=\"portfolio-entry-inner entry-inner wpex-clr\"><div class=\"portfolio-entry-media entry-media wpex-clr\"><a href=\"https:\/\/www.garciafaura.com\/wp-content\/uploads\/2018\/11\/Promocio\u0301-Cerdanyola-01.jpg\" title=\"Cerdanyola del Vall\u00e8s development\" class=\"portfolio-entry-media-link wpex-lightbox-gallery\" data-gallery=\"[{&quot;src&quot;:&quot;https:\\\/\\\/www.garciafaura.com\\\/wp-content\\\/uploads\\\/2018\\\/11\\\/Promocio\\u0301-Cerdanyola-01.jpg&quot;,&quot;title&quot;:&quot;Aluminium enclosures for the residential development and premises in Cerdanyola del Vall\\u00e8s&quot;}]\"><img loading=\"lazy\" decoding=\"async\" data-no-lazy=\"1\" class=\"portfolio-entry-img skip-lazy\" src=\"https:\/\/www.garciafaura.com\/wp-content\/uploads\/2018\/11\/Promocio\u0301-Cerdanyola-01.jpg\" alt=\"Aluminium Enclosures For The Residential Development And Premises In Cerdanyola Del Vall\u00e8s\" data-no-retina width=\"600\" height=\"313\" \/><\/a><\/div><div class=\"portfolio-entry-details entry-details wpex-clr\"><h2 class=\"portfolio-entry-title entry-title\"><a href=\"https:\/\/www.garciafaura.com\/en\/portfolio-item\/cerdanyola-del-valles-development\/\" title=\"Cerdanyola del Vall\u00e8s development\">Cerdanyola del Vall\u00e8s development<\/a><\/h2><div class=\"portfolio-entry-categories entry-categories wpex-clr\"><a href=\"https:\/\/www.garciafaura.com\/en\/portfolio-category\/residential-complexes\/\" class=\"term-76\">Residential complexes<\/a><\/div><\/div><\/div><\/div><div class=\"portfolio-entry vcex-grid-item entry-has-details span_1_of_3 col col-3 vcex-isotope-entry vcex-no-margin-entry post-20259 entry type-portfolio has-media cat-86 cat-76 translation_priority-15\"><div class=\"portfolio-entry-inner entry-inner wpex-clr\"><div class=\"portfolio-entry-media entry-media wpex-clr\"><a href=\"https:\/\/www.garciafaura.com\/wp-content\/uploads\/2018\/11\/Promocio\u0301-Josep-Irla-Sitges-04.jpg\" title=\"Josep Irla development\" class=\"portfolio-entry-media-link wpex-lightbox-gallery\" data-gallery=\"[{&quot;src&quot;:&quot;https:\\\/\\\/www.garciafaura.com\\\/wp-content\\\/uploads\\\/2018\\\/11\\\/Promocio\\u0301-Josep-Irla-Sitges-04.jpg&quot;,&quot;title&quot;:&quot;Aluminium and glazed enclosures for the residential complex in Sitges&quot;},{&quot;src&quot;:&quot;https:\\\/\\\/www.garciafaura.com\\\/wp-content\\\/uploads\\\/2018\\\/11\\\/Promocio\\u0301-Josep-Irla-Sitges-11.jpg&quot;,&quot;title&quot;:&quot;Tancaments d&#039;alumini i vidre d&#039;aquest conjunt residencial de Sitges&quot;},{&quot;src&quot;:&quot;https:\\\/\\\/www.garciafaura.com\\\/wp-content\\\/uploads\\\/2018\\\/11\\\/Promocio\\u0301-Josep-Irla-Sitges-10.jpg&quot;,&quot;title&quot;:&quot;Tancaments d&#039;alumini i vidre d&#039;aquest conjunt residencial de Sitges&quot;},{&quot;src&quot;:&quot;https:\\\/\\\/www.garciafaura.com\\\/wp-content\\\/uploads\\\/2018\\\/11\\\/Promocio\\u0301-Josep-Irla-Sitges-09.jpg&quot;,&quot;title&quot;:&quot;Tancaments d&#039;alumini i vidre d&#039;aquest conjunt residencial de Sitges&quot;},{&quot;src&quot;:&quot;https:\\\/\\\/www.garciafaura.com\\\/wp-content\\\/uploads\\\/2018\\\/11\\\/Promocio\\u0301-Josep-Irla-Sitges-08.jpg&quot;,&quot;title&quot;:&quot;Tancaments d&#039;alumini i vidre d&#039;aquest conjunt residencial de Sitges&quot;},{&quot;src&quot;:&quot;https:\\\/\\\/www.garciafaura.com\\\/wp-content\\\/uploads\\\/2018\\\/11\\\/Promocio\\u0301-Josep-Irla-Sitges-07.jpg&quot;,&quot;title&quot;:&quot;Tancaments d&#039;alumini i vidre d&#039;aquest conjunt residencial de Sitges&quot;},{&quot;src&quot;:&quot;https:\\\/\\\/www.garciafaura.com\\\/wp-content\\\/uploads\\\/2018\\\/11\\\/Promocio\\u0301-Josep-Irla-Sitges-06.jpg&quot;,&quot;title&quot;:&quot;Tancaments d&#039;alumini i vidre d&#039;aquest conjunt residencial de Sitges&quot;},{&quot;src&quot;:&quot;https:\\\/\\\/www.garciafaura.com\\\/wp-content\\\/uploads\\\/2018\\\/11\\\/Promocio\\u0301-Josep-Irla-Sitges-05.jpg&quot;,&quot;title&quot;:&quot;Tancaments d&#039;alumini i vidre d&#039;aquest conjunt residencial de Sitges&quot;},{&quot;src&quot;:&quot;https:\\\/\\\/www.garciafaura.com\\\/wp-content\\\/uploads\\\/2018\\\/11\\\/Promocio\\u0301-Josep-Irla-Sitges-03.jpg&quot;,&quot;title&quot;:&quot;Tancaments d&#039;alumini i vidre d&#039;aquest conjunt residencial de Sitges&quot;},{&quot;src&quot;:&quot;https:\\\/\\\/www.garciafaura.com\\\/wp-content\\\/uploads\\\/2018\\\/11\\\/Promocio\\u0301-Josep-Irla-Sitges-02.jpg&quot;,&quot;title&quot;:&quot;Tancaments d&#039;alumini i vidre d&#039;aquest conjunt residencial de Sitges&quot;},{&quot;src&quot;:&quot;https:\\\/\\\/www.garciafaura.com\\\/wp-content\\\/uploads\\\/2018\\\/11\\\/Promocio\\u0301-Josep-Irla-Sitges-01.jpg&quot;,&quot;title&quot;:&quot;Tancaments d&#039;alumini i vidre d&#039;aquest conjunt residencial de Sitges&quot;}]\"><img decoding=\"async\" data-no-lazy=\"1\" class=\"portfolio-entry-img skip-lazy\" src=\"https:\/\/www.garciafaura.com\/wp-content\/uploads\/2018\/11\/Promocio\u0301-Josep-Irla-Sitges-04-x.jpg\" alt=\"Aluminium And Glazed Enclosures For The Residential Complex In Sitges\" data-no-retina \/><\/a><\/div><div class=\"portfolio-entry-details entry-details wpex-clr\"><h2 class=\"portfolio-entry-title entry-title\"><a href=\"https:\/\/www.garciafaura.com\/en\/portfolio-item\/josep-irla-development\/\" title=\"Josep Irla development\">Josep Irla development<\/a><\/h2><div class=\"portfolio-entry-categories entry-categories wpex-clr\"><a href=\"https:\/\/www.garciafaura.com\/en\/portfolio-category\/destacat-residential-complexes\/\" class=\"term-86\">Destacat residential complexes<\/a><\/div><\/div><\/div><\/div><div class=\"portfolio-entry vcex-grid-item entry-has-details span_1_of_3 col col-1 vcex-isotope-entry vcex-no-margin-entry post-20251 entry type-portfolio has-media cat-76 translation_priority-15\"><div class=\"portfolio-entry-inner entry-inner wpex-clr\"><div class=\"portfolio-entry-media entry-media wpex-clr\"><a href=\"https:\/\/www.garciafaura.com\/wp-content\/uploads\/2018\/11\/Residencial-La-Tela-Vilassar-Dalt-02.jpg\" title=\"La Tela residence\" class=\"portfolio-entry-media-link wpex-lightbox-gallery\" data-gallery=\"[{&quot;src&quot;:&quot;https:\\\/\\\/www.garciafaura.com\\\/wp-content\\\/uploads\\\/2018\\\/11\\\/Residencial-La-Tela-Vilassar-Dalt-02.jpg&quot;,&quot;title&quot;:&quot;Aluminium joinery works in a housing development in Vilassar de Dalt&quot;},{&quot;src&quot;:&quot;https:\\\/\\\/www.garciafaura.com\\\/wp-content\\\/uploads\\\/2018\\\/11\\\/Residencial-La-Tela-Vilassar-Dalt-06.jpg&quot;,&quot;title&quot;:&quot;Treballs de fusteria d&#039;alumini en conjunt d&#039;habitatges a Vilassar de Dalt&quot;},{&quot;src&quot;:&quot;https:\\\/\\\/www.garciafaura.com\\\/wp-content\\\/uploads\\\/2018\\\/11\\\/Residencial-La-Tela-Vilassar-Dalt-05.jpg&quot;,&quot;title&quot;:&quot;Treballs de fusteria d&#039;alumini en conjunt d&#039;habitatges a Vilassar de Dalt&quot;},{&quot;src&quot;:&quot;https:\\\/\\\/www.garciafaura.com\\\/wp-content\\\/uploads\\\/2018\\\/11\\\/Residencial-La-Tela-Vilassar-Dalt-04.jpg&quot;,&quot;title&quot;:&quot;Treballs de fusteria d&#039;alumini en conjunt d&#039;habitatges a Vilassar de Dalt&quot;},{&quot;src&quot;:&quot;https:\\\/\\\/www.garciafaura.com\\\/wp-content\\\/uploads\\\/2018\\\/11\\\/Residencial-La-Tela-Vilassar-Dalt-03.jpg&quot;,&quot;title&quot;:&quot;Treballs de fusteria d&#039;alumini en conjunt d&#039;habitatges a Vilassar de Dalt&quot;},{&quot;src&quot;:&quot;https:\\\/\\\/www.garciafaura.com\\\/wp-content\\\/uploads\\\/2018\\\/11\\\/Residencial-La-Tela-Vilassar-Dalt-01.jpg&quot;,&quot;title&quot;:&quot;Treballs de fusteria d&#039;alumini en conjunt d&#039;habitatges a Vilassar de Dalt&quot;}]\"><img decoding=\"async\" data-no-lazy=\"1\" class=\"portfolio-entry-img skip-lazy\" src=\"https:\/\/www.garciafaura.com\/wp-content\/uploads\/2018\/11\/Residencial-La-Tela-Vilassar-Dalt-02-x.jpg\" alt=\"Aluminium Joinery Works In A Housing Development In Vilassar De Dalt\" data-no-retina \/><\/a><\/div><div class=\"portfolio-entry-details entry-details wpex-clr\"><h2 class=\"portfolio-entry-title entry-title\"><a href=\"https:\/\/www.garciafaura.com\/en\/portfolio-item\/la-tela-residence\/\" title=\"La Tela residence\">La Tela residence<\/a><\/h2><div class=\"portfolio-entry-categories entry-categories wpex-clr\"><a href=\"https:\/\/www.garciafaura.com\/en\/portfolio-category\/residential-complexes\/\" class=\"term-76\">Residential complexes<\/a><\/div><\/div><\/div><\/div><div class=\"portfolio-entry vcex-grid-item entry-has-details span_1_of_3 col col-2 vcex-isotope-entry vcex-no-margin-entry post-20235 entry type-portfolio has-media cat-76 translation_priority-15\"><div class=\"portfolio-entry-inner entry-inner wpex-clr\"><div class=\"portfolio-entry-media entry-media wpex-clr\"><a href=\"https:\/\/www.garciafaura.com\/wp-content\/uploads\/2019\/03\/Promocio-Sant-Feliu-Laurea-Miro-01.jpg\" title=\"Laure\u00e0 Mir\u00f3 development\" class=\"portfolio-entry-media-link wpex-lightbox-gallery\" data-gallery=\"[{&quot;src&quot;:&quot;https:\\\/\\\/www.garciafaura.com\\\/wp-content\\\/uploads\\\/2019\\\/03\\\/Promocio-Sant-Feliu-Laurea-Miro-01.jpg&quot;,&quot;title&quot;:&quot;Aluminium and glazing enclosures for 24 residences in Sant Feliude Llobregat&quot;},{&quot;src&quot;:&quot;https:\\\/\\\/www.garciafaura.com\\\/wp-content\\\/uploads\\\/2019\\\/03\\\/Promocio-Sant-Feliu-Laurea-Miro-08.jpg&quot;,&quot;title&quot;:&quot;Tancaments d&#039;alumini i vidre per a 24 habitatges de Sant Feliu de Llobregat&quot;},{&quot;src&quot;:&quot;https:\\\/\\\/www.garciafaura.com\\\/wp-content\\\/uploads\\\/2019\\\/03\\\/Promocio-Sant-Feliu-Laurea-Miro-07.jpg&quot;,&quot;title&quot;:&quot;Tancaments d&#039;alumini i vidre per a 24 habitatges de Sant Feliu de Llobregat&quot;},{&quot;src&quot;:&quot;https:\\\/\\\/www.garciafaura.com\\\/wp-content\\\/uploads\\\/2019\\\/03\\\/Promocio-Sant-Feliu-Laurea-Miro-06.jpg&quot;,&quot;title&quot;:&quot;Tancaments d&#039;alumini i vidre per a 24 habitatges de Sant Feliu de Llobregat&quot;},{&quot;src&quot;:&quot;https:\\\/\\\/www.garciafaura.com\\\/wp-content\\\/uploads\\\/2019\\\/03\\\/Promocio-Sant-Feliu-Laurea-Miro-05.jpg&quot;,&quot;title&quot;:&quot;Tancaments d&#039;alumini i vidre per a 24 habitatges de Sant Feliu de Llobregat&quot;},{&quot;src&quot;:&quot;https:\\\/\\\/www.garciafaura.com\\\/wp-content\\\/uploads\\\/2019\\\/03\\\/Promocio-Sant-Feliu-Laurea-Miro-04.jpg&quot;,&quot;title&quot;:&quot;Tancaments d&#039;alumini i vidre per a 24 habitatges de Sant Feliu de Llobregat&quot;},{&quot;src&quot;:&quot;https:\\\/\\\/www.garciafaura.com\\\/wp-content\\\/uploads\\\/2019\\\/03\\\/Promocio-Sant-Feliu-Laurea-Miro-03.jpg&quot;,&quot;title&quot;:&quot;Tancaments d&#039;alumini i vidre per a 24 habitatges de Sant Feliu de Llobregat&quot;},{&quot;src&quot;:&quot;https:\\\/\\\/www.garciafaura.com\\\/wp-content\\\/uploads\\\/2019\\\/03\\\/Promocio-Sant-Feliu-Laurea-Miro-02.jpg&quot;,&quot;title&quot;:&quot;Tancaments d&#039;alumini i vidre per a 24 habitatges de Sant Feliu de Llobregat&quot;}]\"><img loading=\"lazy\" decoding=\"async\" data-no-lazy=\"1\" class=\"portfolio-entry-img skip-lazy\" src=\"https:\/\/www.garciafaura.com\/wp-content\/uploads\/2019\/03\/Promocio-Sant-Feliu-Laurea-Miro-01-600x314.jpg\" alt=\"Aluminium And Glazing Enclosures For 24 Residences In Sant Feliude Llobregat\" data-no-retina width=\"600\" height=\"314\" \/><\/a><\/div><div class=\"portfolio-entry-details entry-details wpex-clr\"><h2 class=\"portfolio-entry-title entry-title\"><a href=\"https:\/\/www.garciafaura.com\/en\/portfolio-item\/laurea-miro-development\/\" title=\"Laure\u00e0 Mir\u00f3 development\">Laure\u00e0 Mir\u00f3 development<\/a><\/h2><div class=\"portfolio-entry-categories entry-categories wpex-clr\"><a href=\"https:\/\/www.garciafaura.com\/en\/portfolio-category\/residential-complexes\/\" class=\"term-76\">Residential complexes<\/a><\/div><\/div><\/div><\/div><div class=\"portfolio-entry vcex-grid-item entry-has-details span_1_of_3 col col-3 vcex-isotope-entry vcex-no-margin-entry post-20236 entry type-portfolio has-media cat-76 translation_priority-15\"><div class=\"portfolio-entry-inner entry-inner wpex-clr\"><div class=\"portfolio-entry-media entry-media wpex-clr\"><a href=\"https:\/\/www.garciafaura.com\/wp-content\/uploads\/2019\/01\/IMG_9228.jpg\" title=\"Viladecans development\" class=\"portfolio-entry-media-link wpex-lightbox-gallery\" data-gallery=\"[{&quot;src&quot;:&quot;https:\\\/\\\/www.garciafaura.com\\\/wp-content\\\/uploads\\\/2019\\\/01\\\/IMG_9228.jpg&quot;,&quot;title&quot;:&quot;Enclosures for 70 dwellings in a multi-family building&quot;},{&quot;src&quot;:&quot;https:\\\/\\\/www.garciafaura.com\\\/wp-content\\\/uploads\\\/2019\\\/01\\\/IMG_9238.jpg&quot;,&quot;title&quot;:&quot;Tancaments per a 70 habitatges plurifamiliars&quot;},{&quot;src&quot;:&quot;https:\\\/\\\/www.garciafaura.com\\\/wp-content\\\/uploads\\\/2019\\\/01\\\/IMG_9237.jpg&quot;,&quot;title&quot;:&quot;Tancaments per a 70 habitatges plurifamiliars&quot;},{&quot;src&quot;:&quot;https:\\\/\\\/www.garciafaura.com\\\/wp-content\\\/uploads\\\/2019\\\/01\\\/IMG_9235.jpg&quot;,&quot;title&quot;:&quot;Tancaments per a 70 habitatges plurifamiliars&quot;},{&quot;src&quot;:&quot;https:\\\/\\\/www.garciafaura.com\\\/wp-content\\\/uploads\\\/2019\\\/01\\\/IMG_9232.jpg&quot;,&quot;title&quot;:&quot;Tancaments per a 70 habitatges plurifamiliars&quot;},{&quot;src&quot;:&quot;https:\\\/\\\/www.garciafaura.com\\\/wp-content\\\/uploads\\\/2019\\\/01\\\/IMG_9231.jpg&quot;,&quot;title&quot;:&quot;Tancaments per a 70 habitatges plurifamiliars&quot;},{&quot;src&quot;:&quot;https:\\\/\\\/www.garciafaura.com\\\/wp-content\\\/uploads\\\/2019\\\/01\\\/IMG_9230.jpg&quot;,&quot;title&quot;:&quot;Tancaments per a 70 habitatges plurifamiliars&quot;},{&quot;src&quot;:&quot;https:\\\/\\\/www.garciafaura.com\\\/wp-content\\\/uploads\\\/2019\\\/01\\\/IMG_9224.jpg&quot;,&quot;title&quot;:&quot;Tancaments per a 70 habitatges plurifamiliars&quot;},{&quot;src&quot;:&quot;https:\\\/\\\/www.garciafaura.com\\\/wp-content\\\/uploads\\\/2019\\\/01\\\/IMG_9222.jpg&quot;,&quot;title&quot;:&quot;Tancaments per a 70 habitatges plurifamiliars&quot;},{&quot;src&quot;:&quot;https:\\\/\\\/www.garciafaura.com\\\/wp-content\\\/uploads\\\/2019\\\/01\\\/IMG_9221.jpg&quot;,&quot;title&quot;:&quot;Tancaments per a 70 habitatges plurifamiliars&quot;}]\"><img loading=\"lazy\" decoding=\"async\" data-no-lazy=\"1\" class=\"portfolio-entry-img skip-lazy\" src=\"https:\/\/www.garciafaura.com\/wp-content\/uploads\/2019\/01\/IMG_9228-600x314.jpg\" alt=\"Enclosures For 70 Dwellings In A Multi-family Building\" data-no-retina width=\"600\" height=\"314\" \/><\/a><\/div><div class=\"portfolio-entry-details entry-details wpex-clr\"><h2 class=\"portfolio-entry-title entry-title\"><a href=\"https:\/\/www.garciafaura.com\/en\/portfolio-item\/viladecans-development-2\/\" title=\"Viladecans development\">Viladecans development<\/a><\/h2><div class=\"portfolio-entry-categories entry-categories wpex-clr\"><a href=\"https:\/\/www.garciafaura.com\/en\/portfolio-category\/residential-complexes\/\" class=\"term-76\">Residential complexes<\/a><\/div><\/div><\/div><\/div><div class=\"portfolio-entry vcex-grid-item entry-has-details span_1_of_3 col col-1 vcex-isotope-entry vcex-no-margin-entry post-20234 entry type-portfolio has-media cat-86 cat-76 translation_priority-15\"><div class=\"portfolio-entry-inner entry-inner wpex-clr\"><div class=\"portfolio-entry-media entry-media wpex-clr\"><a href=\"https:\/\/www.garciafaura.com\/wp-content\/uploads\/2019\/01\/IMG_9089.jpg\" title=\"Gran Balmes building\" class=\"portfolio-entry-media-link wpex-lightbox-gallery\" data-gallery=\"[{&quot;src&quot;:&quot;https:\\\/\\\/www.garciafaura.com\\\/wp-content\\\/uploads\\\/2019\\\/01\\\/IMG_9089.jpg&quot;,&quot;title&quot;:&quot;Aluminium and glazed enclosures for the residential building in Barcelona&quot;},{&quot;src&quot;:&quot;https:\\\/\\\/www.garciafaura.com\\\/wp-content\\\/uploads\\\/2019\\\/01\\\/IMG_9088.jpg&quot;,&quot;title&quot;:&quot;Tancaments d&#039;alumini i vidre per a edifici a Barcelona&quot;},{&quot;src&quot;:&quot;https:\\\/\\\/www.garciafaura.com\\\/wp-content\\\/uploads\\\/2019\\\/01\\\/IMG_9081.jpg&quot;,&quot;title&quot;:&quot;Tancaments d&#039;alumini i vidre per a edifici a Barcelona&quot;},{&quot;src&quot;:&quot;https:\\\/\\\/www.garciafaura.com\\\/wp-content\\\/uploads\\\/2019\\\/01\\\/IMG_9079.jpg&quot;,&quot;title&quot;:&quot;Tancaments d&#039;alumini i vidre per a edifici a Barcelona&quot;},{&quot;src&quot;:&quot;https:\\\/\\\/www.garciafaura.com\\\/wp-content\\\/uploads\\\/2019\\\/01\\\/IMG_9076.jpg&quot;,&quot;title&quot;:&quot;Tancaments d&#039;alumini i vidre per a edifici a Barcelona&quot;},{&quot;src&quot;:&quot;https:\\\/\\\/www.garciafaura.com\\\/wp-content\\\/uploads\\\/2019\\\/01\\\/IMG_9075.jpg&quot;,&quot;title&quot;:&quot;Tancaments d&#039;alumini i vidre per a edifici a Barcelona&quot;},{&quot;src&quot;:&quot;https:\\\/\\\/www.garciafaura.com\\\/wp-content\\\/uploads\\\/2019\\\/01\\\/IMG_9074.jpg&quot;,&quot;title&quot;:&quot;Tancaments d&#039;alumini i vidre per a edifici a Barcelona&quot;},{&quot;src&quot;:&quot;https:\\\/\\\/www.garciafaura.com\\\/wp-content\\\/uploads\\\/2019\\\/01\\\/IMG_9072.jpg&quot;,&quot;title&quot;:&quot;Tancaments d&#039;alumini i vidre per a edifici a Barcelona&quot;},{&quot;src&quot;:&quot;https:\\\/\\\/www.garciafaura.com\\\/wp-content\\\/uploads\\\/2019\\\/01\\\/IMG_9071.jpg&quot;,&quot;title&quot;:&quot;Tancaments d&#039;alumini i vidre per a edifici a Barcelona&quot;},{&quot;src&quot;:&quot;https:\\\/\\\/www.garciafaura.com\\\/wp-content\\\/uploads\\\/2019\\\/01\\\/IMG_9090.jpg&quot;,&quot;title&quot;:&quot;Tancaments d&#039;alumini i vidre per a edifici a Barcelona&quot;}]\"><img loading=\"lazy\" decoding=\"async\" data-no-lazy=\"1\" class=\"portfolio-entry-img skip-lazy\" src=\"https:\/\/www.garciafaura.com\/wp-content\/uploads\/2019\/01\/IMG_9089-600x314.jpg\" alt=\"Aluminium And Glazed Enclosures For The Residential Building In Barcelona\" data-no-retina width=\"600\" height=\"314\" \/><\/a><\/div><div class=\"portfolio-entry-details entry-details wpex-clr\"><h2 class=\"portfolio-entry-title entry-title\"><a href=\"https:\/\/www.garciafaura.com\/en\/portfolio-item\/gran-balmes-building\/\" title=\"Gran Balmes building\">Gran Balmes building<\/a><\/h2><div class=\"portfolio-entry-categories entry-categories wpex-clr\"><a href=\"https:\/\/www.garciafaura.com\/en\/portfolio-category\/destacat-residential-complexes\/\" class=\"term-86\">Destacat residential complexes<\/a><\/div><\/div><\/div><\/div><div class=\"portfolio-entry vcex-grid-item entry-has-details span_1_of_3 col col-2 vcex-isotope-entry vcex-no-margin-entry post-20227 entry type-portfolio has-media cat-76 translation_priority-15\"><div class=\"portfolio-entry-inner entry-inner wpex-clr\"><div class=\"portfolio-entry-media entry-media wpex-clr\"><a href=\"https:\/\/www.garciafaura.com\/wp-content\/uploads\/2018\/11\/Promocio\u0301-Castellsol-01.jpg\" title=\"Castellsol development\" class=\"portfolio-entry-media-link wpex-lightbox-gallery\" data-gallery=\"[{&quot;src&quot;:&quot;https:\\\/\\\/www.garciafaura.com\\\/wp-content\\\/uploads\\\/2018\\\/11\\\/Promocio\\u0301-Castellsol-01.jpg&quot;,&quot;title&quot;:&quot;Aluminium joinery works in the residential complex in Castelldefels&quot;},{&quot;src&quot;:&quot;https:\\\/\\\/www.garciafaura.com\\\/wp-content\\\/uploads\\\/2018\\\/11\\\/Promocio\\u0301-Castellsol-10.jpg&quot;,&quot;title&quot;:&quot;Treballs de fusteria d&#039;alumini en aquest complex d&#039;habitatges de Castelldefels&quot;},{&quot;src&quot;:&quot;https:\\\/\\\/www.garciafaura.com\\\/wp-content\\\/uploads\\\/2018\\\/11\\\/Promocio\\u0301-Castellsol-09.jpg&quot;,&quot;title&quot;:&quot;Treballs de fusteria d&#039;alumini en aquest complex d&#039;habitatges de Castelldefels&quot;},{&quot;src&quot;:&quot;https:\\\/\\\/www.garciafaura.com\\\/wp-content\\\/uploads\\\/2018\\\/11\\\/Promocio\\u0301-Castellsol-08.jpg&quot;,&quot;title&quot;:&quot;Treballs de fusteria d&#039;alumini en aquest complex d&#039;habitatges de Castelldefels&quot;},{&quot;src&quot;:&quot;https:\\\/\\\/www.garciafaura.com\\\/wp-content\\\/uploads\\\/2018\\\/11\\\/Promocio\\u0301-Castellsol-07.jpg&quot;,&quot;title&quot;:&quot;Treballs de fusteria d&#039;alumini en aquest complex d&#039;habitatges de Castelldefels&quot;},{&quot;src&quot;:&quot;https:\\\/\\\/www.garciafaura.com\\\/wp-content\\\/uploads\\\/2018\\\/11\\\/Promocio\\u0301-Castellsol-06.jpg&quot;,&quot;title&quot;:&quot;Treballs de fusteria d&#039;alumini en aquest complex d&#039;habitatges de Castelldefels&quot;},{&quot;src&quot;:&quot;https:\\\/\\\/www.garciafaura.com\\\/wp-content\\\/uploads\\\/2018\\\/11\\\/Promocio\\u0301-Castellsol-05.jpg&quot;,&quot;title&quot;:&quot;Treballs de fusteria d&#039;alumini en aquest complex d&#039;habitatges de Castelldefels&quot;},{&quot;src&quot;:&quot;https:\\\/\\\/www.garciafaura.com\\\/wp-content\\\/uploads\\\/2018\\\/11\\\/Promocio\\u0301-Castellsol-04.jpg&quot;,&quot;title&quot;:&quot;Treballs de fusteria d&#039;alumini en aquest complex d&#039;habitatges de Castelldefels&quot;},{&quot;src&quot;:&quot;https:\\\/\\\/www.garciafaura.com\\\/wp-content\\\/uploads\\\/2018\\\/11\\\/Promocio\\u0301-Castellsol-03.jpg&quot;,&quot;title&quot;:&quot;Treballs de fusteria d&#039;alumini en aquest complex d&#039;habitatges de Castelldefels&quot;},{&quot;src&quot;:&quot;https:\\\/\\\/www.garciafaura.com\\\/wp-content\\\/uploads\\\/2018\\\/11\\\/Promocio\\u0301-Castellsol-02.jpg&quot;,&quot;title&quot;:&quot;Treballs de fusteria d&#039;alumini en aquest complex d&#039;habitatges de Castelldefels&quot;}]\"><img decoding=\"async\" data-no-lazy=\"1\" class=\"portfolio-entry-img skip-lazy\" src=\"https:\/\/www.garciafaura.com\/wp-content\/uploads\/2018\/11\/Promocio\u0301-Castellsol-01-x.jpg\" alt=\"Aluminium Joinery Works In The Residential Complex In Castelldefels\" data-no-retina \/><\/a><\/div><div class=\"portfolio-entry-details entry-details wpex-clr\"><h2 class=\"portfolio-entry-title entry-title\"><a href=\"https:\/\/www.garciafaura.com\/en\/portfolio-item\/castellsol-development\/\" title=\"Castellsol development\">Castellsol development<\/a><\/h2><div class=\"portfolio-entry-categories entry-categories wpex-clr\"><a href=\"https:\/\/www.garciafaura.com\/en\/portfolio-category\/residential-complexes\/\" class=\"term-76\">Residential complexes<\/a><\/div><\/div><\/div><\/div><div class=\"portfolio-entry vcex-grid-item entry-has-details span_1_of_3 col col-3 vcex-isotope-entry vcex-no-margin-entry post-20196 entry type-portfolio has-media cat-76 translation_priority-15\"><div class=\"portfolio-entry-inner entry-inner wpex-clr\"><div class=\"portfolio-entry-media entry-media wpex-clr\"><a href=\"https:\/\/www.garciafaura.com\/wp-content\/uploads\/2018\/11\/MTP02808.jpg\" title=\"R13 La Catalana development\" class=\"portfolio-entry-media-link wpex-lightbox-gallery\" data-gallery=\"[{&quot;src&quot;:&quot;https:\\\/\\\/www.garciafaura.com\\\/wp-content\\\/uploads\\\/2018\\\/11\\\/MTP02808.jpg&quot;,&quot;title&quot;:&quot;La Catalana Sant Adri\\u00e0 Garcia Faura&quot;},{&quot;src&quot;:&quot;https:\\\/\\\/www.garciafaura.com\\\/wp-content\\\/uploads\\\/2018\\\/11\\\/MTP02796.jpg&quot;,&quot;title&quot;:&quot;La Catalana Sant Adri\\u00e0 Garcia Faura&quot;},{&quot;src&quot;:&quot;https:\\\/\\\/www.garciafaura.com\\\/wp-content\\\/uploads\\\/2018\\\/11\\\/MTP02794.jpg&quot;,&quot;title&quot;:&quot;La Catalana Sant Adri\\u00e0 Garcia Faura&quot;},{&quot;src&quot;:&quot;https:\\\/\\\/www.garciafaura.com\\\/wp-content\\\/uploads\\\/2018\\\/11\\\/MTP02791.jpg&quot;,&quot;title&quot;:&quot;La Catalana Sant Adri\\u00e0 Garcia Faura&quot;},{&quot;src&quot;:&quot;https:\\\/\\\/www.garciafaura.com\\\/wp-content\\\/uploads\\\/2018\\\/11\\\/MTP02782.jpg&quot;,&quot;title&quot;:&quot;La Catalana Sant Adri\\u00e0 Garcia Faura&quot;},{&quot;src&quot;:&quot;https:\\\/\\\/www.garciafaura.com\\\/wp-content\\\/uploads\\\/2018\\\/11\\\/MTP02779.jpg&quot;,&quot;title&quot;:&quot;La Catalana Sant Adri\\u00e0 Garcia Faura&quot;},{&quot;src&quot;:&quot;https:\\\/\\\/www.garciafaura.com\\\/wp-content\\\/uploads\\\/2018\\\/11\\\/MTP02774.jpg&quot;,&quot;title&quot;:&quot;La Catalana Sant Adri\\u00e0 Garcia Faura&quot;},{&quot;src&quot;:&quot;https:\\\/\\\/www.garciafaura.com\\\/wp-content\\\/uploads\\\/2018\\\/11\\\/MTP02771.jpg&quot;,&quot;title&quot;:&quot;La Catalana Sant Adri\\u00e0 Garcia Faura&quot;},{&quot;src&quot;:&quot;https:\\\/\\\/www.garciafaura.com\\\/wp-content\\\/uploads\\\/2018\\\/11\\\/MTP02769.jpg&quot;,&quot;title&quot;:&quot;La Catalana Sant Adri\\u00e0 Garcia Faura&quot;},{&quot;src&quot;:&quot;https:\\\/\\\/www.garciafaura.com\\\/wp-content\\\/uploads\\\/2018\\\/11\\\/MTP02763.jpg&quot;,&quot;title&quot;:&quot;La Catalana Sant Adri\\u00e0 Garcia Faura&quot;},{&quot;src&quot;:&quot;https:\\\/\\\/www.garciafaura.com\\\/wp-content\\\/uploads\\\/2018\\\/11\\\/MTP02759.jpg&quot;,&quot;title&quot;:&quot;La Catalana Sant Adri\\u00e0 Garcia Faura&quot;},{&quot;src&quot;:&quot;https:\\\/\\\/www.garciafaura.com\\\/wp-content\\\/uploads\\\/2018\\\/11\\\/MTP02750.jpg&quot;,&quot;title&quot;:&quot;La Catalana Sant Adri\\u00e0 Garcia Faura&quot;},{&quot;src&quot;:&quot;https:\\\/\\\/www.garciafaura.com\\\/wp-content\\\/uploads\\\/2018\\\/11\\\/MTP02739.jpg&quot;,&quot;title&quot;:&quot;La Catalana Sant Adri\\u00e0 Garcia Faura&quot;},{&quot;src&quot;:&quot;https:\\\/\\\/www.garciafaura.com\\\/wp-content\\\/uploads\\\/2018\\\/11\\\/MTP02735.jpg&quot;,&quot;title&quot;:&quot;La Catalana Sant Adri\\u00e0 Garcia Faura&quot;},{&quot;src&quot;:&quot;https:\\\/\\\/www.garciafaura.com\\\/wp-content\\\/uploads\\\/2018\\\/11\\\/MTP02734.jpg&quot;,&quot;title&quot;:&quot;La Catalana Sant Adri\\u00e0 Garcia Faura&quot;},{&quot;src&quot;:&quot;https:\\\/\\\/www.garciafaura.com\\\/wp-content\\\/uploads\\\/2018\\\/11\\\/MTP02730.jpg&quot;,&quot;title&quot;:&quot;La Catalana Sant Adri\\u00e0 Garcia Faura&quot;}]\"><img loading=\"lazy\" decoding=\"async\" data-no-lazy=\"1\" class=\"portfolio-entry-img skip-lazy\" src=\"https:\/\/www.garciafaura.com\/wp-content\/uploads\/2018\/11\/MTP02808-600x314.jpg\" alt=\"La Catalana Sant Adri\u00e0 Garcia Faura\" data-no-retina width=\"600\" height=\"314\" \/><\/a><\/div><div class=\"portfolio-entry-details entry-details wpex-clr\"><h2 class=\"portfolio-entry-title entry-title\"><a href=\"https:\/\/www.garciafaura.com\/en\/portfolio-item\/la-catalana-development\/\" title=\"R13 La Catalana development\">R13 La Catalana development<\/a><\/h2><div class=\"portfolio-entry-categories entry-categories wpex-clr\"><a href=\"https:\/\/www.garciafaura.com\/en\/portfolio-category\/residential-complexes\/\" class=\"term-76\">Residential complexes<\/a><\/div><\/div><\/div><\/div><div class=\"portfolio-entry vcex-grid-item entry-has-details span_1_of_3 col col-1 vcex-isotope-entry vcex-no-margin-entry post-20194 entry type-portfolio has-media cat-76 translation_priority-15\"><div class=\"portfolio-entry-inner entry-inner wpex-clr\"><div class=\"portfolio-entry-media entry-media wpex-clr\"><a href=\"https:\/\/www.garciafaura.com\/wp-content\/uploads\/2018\/11\/Promocio\u0301-Pere-Calders-06.jpg\" title=\"Pere Calders development\" class=\"portfolio-entry-media-link wpex-lightbox-gallery\" data-gallery=\"[{&quot;src&quot;:&quot;https:\\\/\\\/www.garciafaura.com\\\/wp-content\\\/uploads\\\/2018\\\/11\\\/Promocio\\u0301-Pere-Calders-01.jpg&quot;,&quot;title&quot;:&quot;Fa\\u00e7ana i tancaments en alumini i vidre&quot;},{&quot;src&quot;:&quot;https:\\\/\\\/www.garciafaura.com\\\/wp-content\\\/uploads\\\/2018\\\/11\\\/Promocio\\u0301-Pere-Calders-08.jpg&quot;,&quot;title&quot;:&quot;Fa\\u00e7ana i tancaments en alumini i vidre&quot;},{&quot;src&quot;:&quot;https:\\\/\\\/www.garciafaura.com\\\/wp-content\\\/uploads\\\/2018\\\/11\\\/Promocio\\u0301-Pere-Calders-07.jpg&quot;,&quot;title&quot;:&quot;Fa\\u00e7ana i tancaments en alumini i vidre&quot;},{&quot;src&quot;:&quot;https:\\\/\\\/www.garciafaura.com\\\/wp-content\\\/uploads\\\/2018\\\/11\\\/Promocio\\u0301-Pere-Calders-06.jpg&quot;,&quot;title&quot;:&quot;Glazed aluminium enclosures and facade&quot;},{&quot;src&quot;:&quot;https:\\\/\\\/www.garciafaura.com\\\/wp-content\\\/uploads\\\/2018\\\/11\\\/Promocio\\u0301-Pere-Calders-05.jpg&quot;,&quot;title&quot;:&quot;Fa\\u00e7ana i tancaments en alumini i vidre&quot;},{&quot;src&quot;:&quot;https:\\\/\\\/www.garciafaura.com\\\/wp-content\\\/uploads\\\/2018\\\/11\\\/Promocio\\u0301-Pere-Calders-04.jpg&quot;,&quot;title&quot;:&quot;Fa\\u00e7ana i tancaments en alumini i vidre&quot;},{&quot;src&quot;:&quot;https:\\\/\\\/www.garciafaura.com\\\/wp-content\\\/uploads\\\/2018\\\/11\\\/Promocio\\u0301-Pere-Calders-03.jpg&quot;,&quot;title&quot;:&quot;Fa\\u00e7ana i tancaments en alumini i vidre&quot;},{&quot;src&quot;:&quot;https:\\\/\\\/www.garciafaura.com\\\/wp-content\\\/uploads\\\/2018\\\/11\\\/Promocio\\u0301-Pere-Calders-02.jpg&quot;,&quot;title&quot;:&quot;Fa\\u00e7ana i tancaments en alumini i vidre&quot;}]\"><img loading=\"lazy\" decoding=\"async\" data-no-lazy=\"1\" class=\"portfolio-entry-img skip-lazy\" src=\"https:\/\/www.garciafaura.com\/wp-content\/uploads\/2018\/11\/Promocio\u0301-Pere-Calders-06-600x314.jpg\" alt=\"Glazed Aluminium Enclosures And Facade\" data-no-retina width=\"600\" height=\"314\" \/><\/a><\/div><div class=\"portfolio-entry-details entry-details wpex-clr\"><h2 class=\"portfolio-entry-title entry-title\"><a href=\"https:\/\/www.garciafaura.com\/en\/portfolio-item\/pere-calders-development\/\" title=\"Pere Calders development\">Pere Calders development<\/a><\/h2><div class=\"portfolio-entry-categories entry-categories wpex-clr\"><a href=\"https:\/\/www.garciafaura.com\/en\/portfolio-category\/residential-complexes\/\" class=\"term-76\">Residential complexes<\/a><\/div><\/div><\/div><\/div><div class=\"portfolio-entry vcex-grid-item entry-has-details span_1_of_3 col col-2 vcex-isotope-entry vcex-no-margin-entry post-20193 entry type-portfolio has-media cat-76 translation_priority-15\"><div class=\"portfolio-entry-inner entry-inner wpex-clr\"><div class=\"portfolio-entry-media entry-media wpex-clr\"><a href=\"https:\/\/www.garciafaura.com\/wp-content\/uploads\/2018\/11\/Complex-residencial-Les-Franceses-01.jpg\" title=\"Les Franceses residential complex\" class=\"portfolio-entry-media-link wpex-lightbox-gallery\" data-gallery=\"[{&quot;src&quot;:&quot;https:\\\/\\\/www.garciafaura.com\\\/wp-content\\\/uploads\\\/2018\\\/11\\\/Complex-residencial-Les-Franceses-01.jpg&quot;,&quot;title&quot;:&quot;Aluminium joinery works in a housing development in Sant Feliu de Llobregat&quot;},{&quot;src&quot;:&quot;https:\\\/\\\/www.garciafaura.com\\\/wp-content\\\/uploads\\\/2018\\\/11\\\/Complex-residencial-Les-Franceses-14.jpg&quot;,&quot;title&quot;:&quot;Treballs de fusteria d&#039;alumini en aquest\\u00a0complex d&#039;habitatges\\u00a0de Sant Feliu de Llobregat&quot;},{&quot;src&quot;:&quot;https:\\\/\\\/www.garciafaura.com\\\/wp-content\\\/uploads\\\/2018\\\/11\\\/Complex-residencial-Les-Franceses-13.jpg&quot;,&quot;title&quot;:&quot;Treballs de fusteria d&#039;alumini en aquest\\u00a0complex d&#039;habitatges\\u00a0de Sant Feliu de Llobregat&quot;},{&quot;src&quot;:&quot;https:\\\/\\\/www.garciafaura.com\\\/wp-content\\\/uploads\\\/2018\\\/11\\\/Complex-residencial-Les-Franceses-12.jpg&quot;,&quot;title&quot;:&quot;Treballs de fusteria d&#039;alumini en aquest\\u00a0complex d&#039;habitatges\\u00a0de Sant Feliu de Llobregat&quot;},{&quot;src&quot;:&quot;https:\\\/\\\/www.garciafaura.com\\\/wp-content\\\/uploads\\\/2018\\\/11\\\/Complex-residencial-Les-Franceses-11.jpg&quot;,&quot;title&quot;:&quot;Treballs de fusteria d&#039;alumini en aquest\\u00a0complex d&#039;habitatges\\u00a0de Sant Feliu de Llobregat&quot;},{&quot;src&quot;:&quot;https:\\\/\\\/www.garciafaura.com\\\/wp-content\\\/uploads\\\/2018\\\/11\\\/Complex-residencial-Les-Franceses-10.jpg&quot;,&quot;title&quot;:&quot;Treballs de fusteria d&#039;alumini en aquest\\u00a0complex d&#039;habitatges\\u00a0de Sant Feliu de Llobregat&quot;},{&quot;src&quot;:&quot;https:\\\/\\\/www.garciafaura.com\\\/wp-content\\\/uploads\\\/2018\\\/11\\\/Complex-residencial-Les-Franceses-09.jpg&quot;,&quot;title&quot;:&quot;Treballs de fusteria d&#039;alumini en aquest\\u00a0complex d&#039;habitatges\\u00a0de Sant Feliu de Llobregat&quot;},{&quot;src&quot;:&quot;https:\\\/\\\/www.garciafaura.com\\\/wp-content\\\/uploads\\\/2018\\\/11\\\/Complex-residencial-Les-Franceses-08.jpg&quot;,&quot;title&quot;:&quot;Treballs de fusteria d&#039;alumini en aquest\\u00a0complex d&#039;habitatges\\u00a0de Sant Feliu de Llobregat&quot;},{&quot;src&quot;:&quot;https:\\\/\\\/www.garciafaura.com\\\/wp-content\\\/uploads\\\/2018\\\/11\\\/Complex-residencial-Les-Franceses-07.jpg&quot;,&quot;title&quot;:&quot;Treballs de fusteria d&#039;alumini en aquest\\u00a0complex d&#039;habitatges\\u00a0de Sant Feliu de Llobregat&quot;},{&quot;src&quot;:&quot;https:\\\/\\\/www.garciafaura.com\\\/wp-content\\\/uploads\\\/2018\\\/11\\\/Complex-residencial-Les-Franceses-06.jpg&quot;,&quot;title&quot;:&quot;Treballs de fusteria d&#039;alumini en aquest\\u00a0complex d&#039;habitatges\\u00a0de Sant Feliu de Llobregat&quot;},{&quot;src&quot;:&quot;https:\\\/\\\/www.garciafaura.com\\\/wp-content\\\/uploads\\\/2018\\\/11\\\/Complex-residencial-Les-Franceses-05.jpg&quot;,&quot;title&quot;:&quot;Treballs de fusteria d&#039;alumini en aquest\\u00a0complex d&#039;habitatges\\u00a0de Sant Feliu de Llobregat&quot;},{&quot;src&quot;:&quot;https:\\\/\\\/www.garciafaura.com\\\/wp-content\\\/uploads\\\/2018\\\/11\\\/Complex-residencial-Les-Franceses-04.jpg&quot;,&quot;title&quot;:&quot;Treballs de fusteria d&#039;alumini en aquest\\u00a0complex d&#039;habitatges\\u00a0de Sant Feliu de Llobregat&quot;},{&quot;src&quot;:&quot;https:\\\/\\\/www.garciafaura.com\\\/wp-content\\\/uploads\\\/2018\\\/11\\\/Complex-residencial-Les-Franceses-03.jpg&quot;,&quot;title&quot;:&quot;Treballs de fusteria d&#039;alumini en aquest\\u00a0complex d&#039;habitatges\\u00a0de Sant Feliu de Llobregat&quot;},{&quot;src&quot;:&quot;https:\\\/\\\/www.garciafaura.com\\\/wp-content\\\/uploads\\\/2018\\\/11\\\/Complex-residencial-Les-Franceses-02.jpg&quot;,&quot;title&quot;:&quot;Treballs de fusteria d&#039;alumini en aquest\\u00a0complex d&#039;habitatges\\u00a0de Sant Feliu de Llobregat&quot;}]\"><img decoding=\"async\" data-no-lazy=\"1\" class=\"portfolio-entry-img skip-lazy\" src=\"https:\/\/www.garciafaura.com\/wp-content\/uploads\/2018\/11\/Complex-residencial-Les-Franceses-01-x.jpg\" alt=\"Aluminium Joinery Works In A Housing Development In Sant Feliu De Llobregat\" data-no-retina \/><\/a><\/div><div class=\"portfolio-entry-details entry-details wpex-clr\"><h2 class=\"portfolio-entry-title entry-title\"><a href=\"https:\/\/www.garciafaura.com\/en\/portfolio-item\/les-franceses-residential-complex\/\" title=\"Les Franceses residential complex\">Les Franceses residential complex<\/a><\/h2><div class=\"portfolio-entry-categories entry-categories wpex-clr\"><a href=\"https:\/\/www.garciafaura.com\/en\/portfolio-category\/residential-complexes\/\" class=\"term-76\">Residential complexes<\/a><\/div><\/div><\/div><\/div><div class=\"portfolio-entry vcex-grid-item entry-has-details span_1_of_3 col col-3 vcex-isotope-entry vcex-no-margin-entry post-20185 entry type-portfolio has-media cat-76 translation_priority-15\"><div class=\"portfolio-entry-inner entry-inner wpex-clr\"><div class=\"portfolio-entry-media entry-media wpex-clr\"><a href=\"https:\/\/www.garciafaura.com\/wp-content\/uploads\/2018\/11\/Torre-Blanca-11.jpg\" title=\"Torre Blanca\" class=\"portfolio-entry-media-link wpex-lightbox-gallery\" data-gallery=\"[{&quot;src&quot;:&quot;https:\\\/\\\/www.garciafaura.com\\\/wp-content\\\/uploads\\\/2018\\\/11\\\/Torre-Blanca-11.jpg&quot;,&quot;title&quot;:&quot;Residential complex comprising 100 residences, the work of architect Oriol Bohigas&quot;},{&quot;src&quot;:&quot;https:\\\/\\\/www.garciafaura.com\\\/wp-content\\\/uploads\\\/2018\\\/11\\\/Torre-Blanca-13.jpg&quot;,&quot;title&quot;:&quot;Conjunt residencial de 100 habitatges\\u00a0obra de l&#039;arquitecte Oriol Bohigas&quot;},{&quot;src&quot;:&quot;https:\\\/\\\/www.garciafaura.com\\\/wp-content\\\/uploads\\\/2018\\\/11\\\/Torre-Blanca-12.jpg&quot;,&quot;title&quot;:&quot;Conjunt residencial de 100 habitatges\\u00a0obra de l&#039;arquitecte Oriol Bohigas&quot;},{&quot;src&quot;:&quot;https:\\\/\\\/www.garciafaura.com\\\/wp-content\\\/uploads\\\/2018\\\/11\\\/Torre-Blanca-01.jpg&quot;,&quot;title&quot;:&quot;Conjunt residencial de 100 habitatges\\u00a0obra de l&#039;arquitecte Oriol Bohigas&quot;},{&quot;src&quot;:&quot;https:\\\/\\\/www.garciafaura.com\\\/wp-content\\\/uploads\\\/2018\\\/11\\\/Torre-Blanca-10.jpg&quot;,&quot;title&quot;:&quot;Conjunt residencial de 100 habitatges\\u00a0obra de l&#039;arquitecte Oriol Bohigas&quot;},{&quot;src&quot;:&quot;https:\\\/\\\/www.garciafaura.com\\\/wp-content\\\/uploads\\\/2018\\\/11\\\/Torre-Blanca-09.jpg&quot;,&quot;title&quot;:&quot;Conjunt residencial de 100 habitatges\\u00a0obra de l&#039;arquitecte Oriol Bohigas&quot;},{&quot;src&quot;:&quot;https:\\\/\\\/www.garciafaura.com\\\/wp-content\\\/uploads\\\/2018\\\/11\\\/Torre-Blanca-08.jpg&quot;,&quot;title&quot;:&quot;Conjunt residencial de 100 habitatges\\u00a0obra de l&#039;arquitecte Oriol Bohigas&quot;},{&quot;src&quot;:&quot;https:\\\/\\\/www.garciafaura.com\\\/wp-content\\\/uploads\\\/2018\\\/11\\\/Torre-Blanca-07.jpg&quot;,&quot;title&quot;:&quot;Conjunt residencial de 100 habitatges\\u00a0obra de l&#039;arquitecte Oriol Bohigas&quot;},{&quot;src&quot;:&quot;https:\\\/\\\/www.garciafaura.com\\\/wp-content\\\/uploads\\\/2018\\\/11\\\/Torre-Blanca-06.jpg&quot;,&quot;title&quot;:&quot;Conjunt residencial de 100 habitatges\\u00a0obra de l&#039;arquitecte Oriol Bohigas&quot;},{&quot;src&quot;:&quot;https:\\\/\\\/www.garciafaura.com\\\/wp-content\\\/uploads\\\/2018\\\/11\\\/Torre-Blanca-05.jpg&quot;,&quot;title&quot;:&quot;Conjunt residencial de 100 habitatges\\u00a0obra de l&#039;arquitecte Oriol Bohigas&quot;},{&quot;src&quot;:&quot;https:\\\/\\\/www.garciafaura.com\\\/wp-content\\\/uploads\\\/2018\\\/11\\\/Torre-Blanca-04.jpg&quot;,&quot;title&quot;:&quot;Conjunt residencial de 100 habitatges\\u00a0obra de l&#039;arquitecte Oriol Bohigas&quot;},{&quot;src&quot;:&quot;https:\\\/\\\/www.garciafaura.com\\\/wp-content\\\/uploads\\\/2018\\\/11\\\/Torre-Blanca-03.jpg&quot;,&quot;title&quot;:&quot;Conjunt residencial de 100 habitatges\\u00a0obra de l&#039;arquitecte Oriol Bohigas&quot;},{&quot;src&quot;:&quot;https:\\\/\\\/www.garciafaura.com\\\/wp-content\\\/uploads\\\/2018\\\/11\\\/Torre-Blanca-02.jpg&quot;,&quot;title&quot;:&quot;Conjunt residencial de 100 habitatges\\u00a0obra de l&#039;arquitecte Oriol Bohigas&quot;}]\"><img decoding=\"async\" data-no-lazy=\"1\" class=\"portfolio-entry-img skip-lazy\" src=\"https:\/\/www.garciafaura.com\/wp-content\/uploads\/2018\/11\/Torre-Blanca-11-x.jpg\" alt=\"Residential Complex Comprising 100 Residences, The Work Of Architect Oriol Bohigas\" data-no-retina \/><\/a><\/div><div class=\"portfolio-entry-details entry-details wpex-clr\"><h2 class=\"portfolio-entry-title entry-title\"><a href=\"https:\/\/www.garciafaura.com\/en\/portfolio-item\/torre-blanca\/\" title=\"Torre Blanca\">Torre Blanca<\/a><\/h2><div class=\"portfolio-entry-categories entry-categories wpex-clr\"><a href=\"https:\/\/www.garciafaura.com\/en\/portfolio-category\/residential-complexes\/\" class=\"term-76\">Residential complexes<\/a><\/div><\/div><\/div><\/div><div class=\"portfolio-entry vcex-grid-item entry-has-details span_1_of_3 col col-1 vcex-isotope-entry vcex-no-margin-entry post-20181 entry type-portfolio has-media cat-76 translation_priority-15\"><div class=\"portfolio-entry-inner entry-inner wpex-clr\"><div class=\"portfolio-entry-media entry-media wpex-clr\"><a href=\"https:\/\/www.garciafaura.com\/wp-content\/uploads\/2018\/11\/Complex-residencial-Vilamarina-01.jpg\" title=\"Vilamarina residential complex\" class=\"portfolio-entry-media-link wpex-lightbox-gallery\" data-gallery=\"[{&quot;src&quot;:&quot;https:\\\/\\\/www.garciafaura.com\\\/wp-content\\\/uploads\\\/2018\\\/11\\\/Complex-residencial-Vilamarina-01.jpg&quot;,&quot;title&quot;:&quot;Interior and exterior enclosures and glazing works in 10 blocks of apartments in Viladecans&quot;},{&quot;src&quot;:&quot;https:\\\/\\\/www.garciafaura.com\\\/wp-content\\\/uploads\\\/2018\\\/11\\\/Complex-residencial-Vilamarina-10.jpg&quot;,&quot;title&quot;:&quot;Tancaments interiors i exteriors i vidrieria d&#039;aquests 10 blocs d&#039;habitatges\\u00a0a Viladecans&quot;},{&quot;src&quot;:&quot;https:\\\/\\\/www.garciafaura.com\\\/wp-content\\\/uploads\\\/2018\\\/11\\\/Complex-residencial-Vilamarina-09.jpg&quot;,&quot;title&quot;:&quot;Tancaments interiors i exteriors i vidrieria d&#039;aquests 10 blocs d&#039;habitatges\\u00a0a Viladecans&quot;},{&quot;src&quot;:&quot;https:\\\/\\\/www.garciafaura.com\\\/wp-content\\\/uploads\\\/2018\\\/11\\\/Complex-residencial-Vilamarina-08.jpg&quot;,&quot;title&quot;:&quot;Tancaments interiors i exteriors i vidrieria d&#039;aquests 10 blocs d&#039;habitatges\\u00a0a Viladecans&quot;},{&quot;src&quot;:&quot;https:\\\/\\\/www.garciafaura.com\\\/wp-content\\\/uploads\\\/2018\\\/11\\\/Complex-residencial-Vilamarina-07.jpg&quot;,&quot;title&quot;:&quot;Tancaments interiors i exteriors i vidrieria d&#039;aquests 10 blocs d&#039;habitatges\\u00a0a Viladecans&quot;},{&quot;src&quot;:&quot;https:\\\/\\\/www.garciafaura.com\\\/wp-content\\\/uploads\\\/2018\\\/11\\\/Complex-residencial-Vilamarina-06.jpg&quot;,&quot;title&quot;:&quot;Tancaments interiors i exteriors i vidrieria d&#039;aquests 10 blocs d&#039;habitatges\\u00a0a Viladecans&quot;},{&quot;src&quot;:&quot;https:\\\/\\\/www.garciafaura.com\\\/wp-content\\\/uploads\\\/2018\\\/11\\\/Complex-residencial-Vilamarina-05.jpg&quot;,&quot;title&quot;:&quot;Tancaments interiors i exteriors i vidrieria d&#039;aquests 10 blocs d&#039;habitatges\\u00a0a Viladecans&quot;},{&quot;src&quot;:&quot;https:\\\/\\\/www.garciafaura.com\\\/wp-content\\\/uploads\\\/2018\\\/11\\\/Complex-residencial-Vilamarina-03.jpg&quot;,&quot;title&quot;:&quot;Tancaments interiors i exteriors i vidrieria d&#039;aquests 10 blocs d&#039;habitatges\\u00a0a Viladecans&quot;},{&quot;src&quot;:&quot;https:\\\/\\\/www.garciafaura.com\\\/wp-content\\\/uploads\\\/2018\\\/11\\\/Complex-residencial-Vilamarina-04.jpg&quot;,&quot;title&quot;:&quot;Tancaments interiors i exteriors i vidrieria d&#039;aquests 10 blocs d&#039;habitatges\\u00a0a Viladecans&quot;},{&quot;src&quot;:&quot;https:\\\/\\\/www.garciafaura.com\\\/wp-content\\\/uploads\\\/2018\\\/11\\\/Complex-residencial-Vilamarina-02.jpg&quot;,&quot;title&quot;:&quot;Tancaments interiors i exteriors i vidrieria d&#039;aquests 10 blocs d&#039;habitatges\\u00a0a Viladecans&quot;}]\"><img decoding=\"async\" data-no-lazy=\"1\" class=\"portfolio-entry-img skip-lazy\" src=\"https:\/\/www.garciafaura.com\/wp-content\/uploads\/2018\/11\/Complex-residencial-Vilamarina-01-x.jpg\" alt=\"Interior And Exterior Enclosures And Glazing Works In 10 Blocks Of Apartments In Viladecans\" data-no-retina \/><\/a><\/div><div class=\"portfolio-entry-details entry-details wpex-clr\"><h2 class=\"portfolio-entry-title entry-title\"><a href=\"https:\/\/www.garciafaura.com\/en\/portfolio-item\/viamarina-residential-complex\/\" title=\"Vilamarina residential complex\">Vilamarina residential complex<\/a><\/h2><div class=\"portfolio-entry-categories entry-categories wpex-clr\"><a href=\"https:\/\/www.garciafaura.com\/en\/portfolio-category\/residential-complexes\/\" class=\"term-76\">Residential complexes<\/a><\/div><\/div><\/div><\/div><div class=\"portfolio-entry vcex-grid-item entry-has-details span_1_of_3 col col-2 vcex-isotope-entry vcex-no-margin-entry post-20179 entry type-portfolio has-media cat-86 cat-83 cat-76 translation_priority-15\"><div class=\"portfolio-entry-inner entry-inner wpex-clr\"><div class=\"portfolio-entry-media entry-media wpex-clr\"><a href=\"https:\/\/www.garciafaura.com\/wp-content\/uploads\/2018\/11\/Doctor-Carulla-000.jpg\" title=\"Doctor Carulla residences\" class=\"portfolio-entry-media-link wpex-lightbox-gallery\" data-gallery=\"[{&quot;src&quot;:&quot;https:\\\/\\\/www.garciafaura.com\\\/wp-content\\\/uploads\\\/2018\\\/11\\\/Doctor-Carulla-000.jpg&quot;},{&quot;src&quot;:&quot;https:\\\/\\\/www.garciafaura.com\\\/wp-content\\\/uploads\\\/2018\\\/11\\\/Doctor-Carulla-00.jpg&quot;},{&quot;src&quot;:&quot;https:\\\/\\\/www.garciafaura.com\\\/wp-content\\\/uploads\\\/2018\\\/11\\\/Doctor-Carulla-07.jpg&quot;,&quot;title&quot;:&quot;Arquitectura de la fa\\u00e7ana i conjunt de tancaments d&#039;aquest modern habitatge&quot;},{&quot;src&quot;:&quot;https:\\\/\\\/www.garciafaura.com\\\/wp-content\\\/uploads\\\/2018\\\/11\\\/Doctor-Carulla-06.jpg&quot;,&quot;title&quot;:&quot;Arquitectura de la fa\\u00e7ana i conjunt de tancaments d&#039;aquest modern habitatge&quot;},{&quot;src&quot;:&quot;https:\\\/\\\/www.garciafaura.com\\\/wp-content\\\/uploads\\\/2018\\\/11\\\/Doctor-Carulla-05.jpg&quot;,&quot;title&quot;:&quot;Arquitectura de la fa\\u00e7ana i conjunt de tancaments d&#039;aquest modern habitatge&quot;},{&quot;src&quot;:&quot;https:\\\/\\\/www.garciafaura.com\\\/wp-content\\\/uploads\\\/2018\\\/11\\\/Doctor-Carulla-04.jpg&quot;,&quot;title&quot;:&quot;Arquitectura de la fa\\u00e7ana i conjunt de tancaments d&#039;aquest modern habitatge&quot;},{&quot;src&quot;:&quot;https:\\\/\\\/www.garciafaura.com\\\/wp-content\\\/uploads\\\/2018\\\/11\\\/Doctor-Carulla-03.jpg&quot;,&quot;title&quot;:&quot;Arquitectura de la fa\\u00e7ana i conjunt de tancaments d&#039;aquest modern habitatge&quot;},{&quot;src&quot;:&quot;https:\\\/\\\/www.garciafaura.com\\\/wp-content\\\/uploads\\\/2018\\\/11\\\/Doctor-Carulla-02.jpg&quot;,&quot;title&quot;:&quot;Arquitectura de la fa\\u00e7ana i conjunt de tancaments d&#039;aquest modern habitatge&quot;},{&quot;src&quot;:&quot;https:\\\/\\\/www.garciafaura.com\\\/wp-content\\\/uploads\\\/2018\\\/11\\\/Doctor-Carulla-01.jpg&quot;,&quot;title&quot;:&quot;Arquitectura de la fa\\u00e7ana i conjunt de tancaments d&#039;aquest modern habitatge&quot;}]\"><img loading=\"lazy\" decoding=\"async\" data-no-lazy=\"1\" class=\"portfolio-entry-img skip-lazy\" src=\"https:\/\/www.garciafaura.com\/wp-content\/uploads\/2018\/11\/Doctor-Carulla-000-600x314.jpg\" alt='' data-no-retina width=\"600\" height=\"314\" \/><\/a><\/div><div class=\"portfolio-entry-details entry-details wpex-clr\"><h2 class=\"portfolio-entry-title entry-title\"><a href=\"https:\/\/www.garciafaura.com\/en\/portfolio-item\/doctor-carulla-residences\/\" title=\"Doctor Carulla residences\">Doctor Carulla residences<\/a><\/h2><div class=\"portfolio-entry-categories entry-categories wpex-clr\"><a href=\"https:\/\/www.garciafaura.com\/en\/portfolio-category\/destacat-residential-complexes\/\" class=\"term-86\">Destacat residential complexes<\/a><\/div><\/div><\/div><\/div><div class=\"portfolio-entry vcex-grid-item entry-has-details span_1_of_3 col col-3 vcex-isotope-entry vcex-no-margin-entry post-20178 entry type-portfolio has-media cat-76 translation_priority-15\"><div class=\"portfolio-entry-inner entry-inner wpex-clr\"><div class=\"portfolio-entry-media entry-media wpex-clr\"><a href=\"https:\/\/www.garciafaura.com\/wp-content\/uploads\/2018\/11\/Promocio\u0301-carrer-Indu\u0301stria-01.jpg\" title=\"Calle Ind\u00fastria development\" class=\"portfolio-entry-media-link wpex-lightbox-gallery\" data-gallery=\"[{&quot;src&quot;:&quot;https:\\\/\\\/www.garciafaura.com\\\/wp-content\\\/uploads\\\/2018\\\/11\\\/Promocio\\u0301-carrer-Indu\\u0301stria-01.jpg&quot;,&quot;title&quot;:&quot;Aluminium windows and window doors for the residential complex in Gav\\u00e0&quot;},{&quot;src&quot;:&quot;https:\\\/\\\/www.garciafaura.com\\\/wp-content\\\/uploads\\\/2018\\\/11\\\/Promocio\\u0301-carrer-Indu\\u0301stria-03.jpg&quot;,&quot;title&quot;:&quot;Finestres i balconeres d&#039;alumini d&#039;aquest conjunt residencial de Gav\\u00e0&quot;},{&quot;src&quot;:&quot;https:\\\/\\\/www.garciafaura.com\\\/wp-content\\\/uploads\\\/2018\\\/11\\\/Promocio\\u0301-carrer-Indu\\u0301stria-02.jpg&quot;,&quot;title&quot;:&quot;Finestres i balconeres d&#039;alumini d&#039;aquest conjunt residencial de Gav\\u00e0&quot;}]\"><img decoding=\"async\" data-no-lazy=\"1\" class=\"portfolio-entry-img skip-lazy\" src=\"https:\/\/www.garciafaura.com\/wp-content\/uploads\/2018\/11\/Promocio\u0301-carrer-Indu\u0301stria-01-x.jpg\" alt=\"Aluminium Windows And Window Doors For The Residential Complex In Gav\u00e0\" data-no-retina \/><\/a><\/div><div class=\"portfolio-entry-details entry-details wpex-clr\"><h2 class=\"portfolio-entry-title entry-title\"><a href=\"https:\/\/www.garciafaura.com\/en\/portfolio-item\/calle-industria-development\/\" title=\"Calle Ind\u00fastria development\">Calle Ind\u00fastria development<\/a><\/h2><div class=\"portfolio-entry-categories entry-categories wpex-clr\"><a href=\"https:\/\/www.garciafaura.com\/en\/portfolio-category\/residential-complexes\/\" class=\"term-76\">Residential complexes<\/a><\/div><\/div><\/div><\/div><div class=\"portfolio-entry vcex-grid-item entry-has-details span_1_of_3 col col-1 vcex-isotope-entry vcex-no-margin-entry post-20176 entry type-portfolio has-media cat-76 translation_priority-15\"><div class=\"portfolio-entry-inner entry-inner wpex-clr\"><div class=\"portfolio-entry-media entry-media wpex-clr\"><a href=\"https:\/\/www.garciafaura.com\/wp-content\/uploads\/2018\/11\/Promocio\u0301-carrer-Tavern-01.jpg\" title=\"Tavern residences\" class=\"portfolio-entry-media-link wpex-lightbox-gallery\" data-gallery=\"[{&quot;src&quot;:&quot;https:\\\/\\\/www.garciafaura.com\\\/wp-content\\\/uploads\\\/2018\\\/11\\\/Promocio\\u0301-carrer-Tavern-01.jpg&quot;,&quot;title&quot;:&quot;Glazing and aluminium works in the first tier residential complex in Barcelona&quot;},{&quot;src&quot;:&quot;https:\\\/\\\/www.garciafaura.com\\\/wp-content\\\/uploads\\\/2018\\\/11\\\/Promocio\\u0301-carrer-Tavern-05.jpg&quot;,&quot;title&quot;:&quot;Treballs de vidrieria i alumini en conjunt residencial de primer nivell a Barcelona&quot;},{&quot;src&quot;:&quot;https:\\\/\\\/www.garciafaura.com\\\/wp-content\\\/uploads\\\/2018\\\/11\\\/Promocio\\u0301-carrer-Tavern-04.jpg&quot;,&quot;title&quot;:&quot;Treballs de vidrieria i alumini en conjunt residencial de primer nivell a Barcelona&quot;},{&quot;src&quot;:&quot;https:\\\/\\\/www.garciafaura.com\\\/wp-content\\\/uploads\\\/2018\\\/11\\\/Promocio\\u0301-carrer-Tavern-03.jpg&quot;,&quot;title&quot;:&quot;Treballs de vidrieria i alumini en conjunt residencial de primer nivell a Barcelona&quot;},{&quot;src&quot;:&quot;https:\\\/\\\/www.garciafaura.com\\\/wp-content\\\/uploads\\\/2018\\\/11\\\/Promocio\\u0301-carrer-Tavern-02.jpg&quot;,&quot;title&quot;:&quot;Treballs de vidrieria i alumini en conjunt residencial de primer nivell a Barcelona&quot;}]\"><img decoding=\"async\" data-no-lazy=\"1\" class=\"portfolio-entry-img skip-lazy\" src=\"https:\/\/www.garciafaura.com\/wp-content\/uploads\/2018\/11\/Promocio\u0301-carrer-Tavern-01-x.jpg\" alt=\"Glazing And Aluminium Works In The First Tier Residential Complex In Barcelona\" data-no-retina \/><\/a><\/div><div class=\"portfolio-entry-details entry-details wpex-clr\"><h2 class=\"portfolio-entry-title entry-title\"><a href=\"https:\/\/www.garciafaura.com\/en\/portfolio-item\/tavern-residences\/\" title=\"Tavern residences\">Tavern residences<\/a><\/h2><div class=\"portfolio-entry-categories entry-categories wpex-clr\"><a href=\"https:\/\/www.garciafaura.com\/en\/portfolio-category\/residential-complexes\/\" class=\"term-76\">Residential complexes<\/a><\/div><\/div><\/div><\/div><div class=\"portfolio-entry vcex-grid-item entry-has-details span_1_of_3 col col-2 vcex-isotope-entry vcex-no-margin-entry post-20166 entry type-portfolio has-media cat-76 translation_priority-15\"><div class=\"portfolio-entry-inner entry-inner wpex-clr\"><div class=\"portfolio-entry-media entry-media wpex-clr\"><a href=\"https:\/\/www.garciafaura.com\/wp-content\/uploads\/2018\/11\/Promocio\u0301-carrer-Rius-i-Taulet-01.jpg\" title=\"Rius i Taulet development\" class=\"portfolio-entry-media-link wpex-lightbox-gallery\" data-gallery=\"[{&quot;src&quot;:&quot;https:\\\/\\\/www.garciafaura.com\\\/wp-content\\\/uploads\\\/2018\\\/11\\\/Promocio\\u0301-carrer-Rius-i-Taulet-01.jpg&quot;,&quot;title&quot;:&quot;Aluminium windows and window doors for the residential complex in Gav\\u00e0&quot;},{&quot;src&quot;:&quot;https:\\\/\\\/www.garciafaura.com\\\/wp-content\\\/uploads\\\/2018\\\/11\\\/Promocio\\u0301-carrer-Rius-i-Taulet-05.jpg&quot;,&quot;title&quot;:&quot;Finestres i balconeres d&#039;alumini d&#039;aquest conjunt residencial de Gav\\u00e0&quot;},{&quot;src&quot;:&quot;https:\\\/\\\/www.garciafaura.com\\\/wp-content\\\/uploads\\\/2018\\\/11\\\/Promocio\\u0301-carrer-Rius-i-Taulet-04.jpg&quot;,&quot;title&quot;:&quot;Finestres i balconeres d&#039;alumini d&#039;aquest conjunt residencial de Gav\\u00e0&quot;},{&quot;src&quot;:&quot;https:\\\/\\\/www.garciafaura.com\\\/wp-content\\\/uploads\\\/2018\\\/11\\\/Promocio\\u0301-carrer-Rius-i-Taulet-03.jpg&quot;,&quot;title&quot;:&quot;Finestres i balconeres d&#039;alumini d&#039;aquest conjunt residencial de Gav\\u00e0&quot;},{&quot;src&quot;:&quot;https:\\\/\\\/www.garciafaura.com\\\/wp-content\\\/uploads\\\/2018\\\/11\\\/Promocio\\u0301-carrer-Rius-i-Taulet-02.jpg&quot;,&quot;title&quot;:&quot;Finestres i balconeres d&#039;alumini d&#039;aquest conjunt residencial de Gav\\u00e0&quot;}]\"><img decoding=\"async\" data-no-lazy=\"1\" class=\"portfolio-entry-img skip-lazy\" src=\"https:\/\/www.garciafaura.com\/wp-content\/uploads\/2018\/11\/Promocio\u0301-carrer-Rius-i-Taulet-01-x.jpg\" alt=\"Aluminium Windows And Window Doors For The Residential Complex In Gav\u00e0\" data-no-retina \/><\/a><\/div><div class=\"portfolio-entry-details entry-details wpex-clr\"><h2 class=\"portfolio-entry-title entry-title\"><a href=\"https:\/\/www.garciafaura.com\/en\/portfolio-item\/rius-i-taulet-development\/\" title=\"Rius i Taulet development\">Rius i Taulet development<\/a><\/h2><div class=\"portfolio-entry-categories entry-categories wpex-clr\"><a href=\"https:\/\/www.garciafaura.com\/en\/portfolio-category\/residential-complexes\/\" class=\"term-76\">Residential complexes<\/a><\/div><\/div><\/div><\/div><div class=\"portfolio-entry vcex-grid-item entry-has-details span_1_of_3 col col-3 vcex-isotope-entry vcex-no-margin-entry post-20162 entry type-portfolio has-media cat-76 translation_priority-15\"><div class=\"portfolio-entry-inner entry-inner wpex-clr\"><div class=\"portfolio-entry-media entry-media wpex-clr\"><a href=\"https:\/\/www.garciafaura.com\/wp-content\/uploads\/2018\/11\/Promocio\u0301-carrer-Moreres-01.jpg\" title=\"Moreres development\" class=\"portfolio-entry-media-link wpex-lightbox-gallery\" data-gallery=\"[{&quot;src&quot;:&quot;https:\\\/\\\/www.garciafaura.com\\\/wp-content\\\/uploads\\\/2018\\\/11\\\/Promocio\\u0301-carrer-Moreres-01.jpg&quot;,&quot;title&quot;:&quot;Aluminium windows and window doors for the residential complex in Gav\\u00e0&quot;},{&quot;src&quot;:&quot;https:\\\/\\\/www.garciafaura.com\\\/wp-content\\\/uploads\\\/2018\\\/11\\\/Promocio\\u0301-carrer-Moreres-02.jpg&quot;}]\"><img decoding=\"async\" data-no-lazy=\"1\" class=\"portfolio-entry-img skip-lazy\" src=\"https:\/\/www.garciafaura.com\/wp-content\/uploads\/2018\/11\/Promocio\u0301-carrer-Moreres-01-x.jpg\" alt=\"Aluminium Windows And Window Doors For The Residential Complex In Gav\u00e0\" data-no-retina \/><\/a><\/div><div class=\"portfolio-entry-details entry-details wpex-clr\"><h2 class=\"portfolio-entry-title entry-title\"><a href=\"https:\/\/www.garciafaura.com\/en\/portfolio-item\/moreres-development\/\" title=\"Moreres development\">Moreres development<\/a><\/h2><div class=\"portfolio-entry-categories entry-categories wpex-clr\"><a href=\"https:\/\/www.garciafaura.com\/en\/portfolio-category\/residential-complexes\/\" class=\"term-76\">Residential complexes<\/a><\/div><\/div><\/div><\/div><div class=\"portfolio-entry vcex-grid-item entry-has-details span_1_of_3 col col-1 vcex-isotope-entry vcex-no-margin-entry post-20159 entry type-portfolio has-media cat-76 translation_priority-15\"><div class=\"portfolio-entry-inner entry-inner wpex-clr\"><div class=\"portfolio-entry-media entry-media wpex-clr\"><a href=\"https:\/\/www.garciafaura.com\/wp-content\/uploads\/2018\/11\/Residencial-Trac\u0327at-01.jpg\" title=\"Tra\u00e7at residence\" class=\"portfolio-entry-media-link wpex-lightbox-gallery\" data-gallery=\"[{&quot;src&quot;:&quot;https:\\\/\\\/www.garciafaura.com\\\/wp-content\\\/uploads\\\/2018\\\/11\\\/Residencial-Trac\\u0327at-01.jpg&quot;,&quot;title&quot;:&quot;Fabrication and installation of aluminium joinery works and glazing on a housing estate in Tarragona&quot;},{&quot;src&quot;:&quot;https:\\\/\\\/www.garciafaura.com\\\/wp-content\\\/uploads\\\/2018\\\/11\\\/Residencial-Trac\\u0327at-10.jpg&quot;,&quot;title&quot;:&quot;Fabricaci\\u00f3 i instal\\u00b7laci\\u00f3 de fusteria d&#039;alumini i vidrieria en\\u00a0urbanitzaci\\u00f3 de Tarragona&quot;},{&quot;src&quot;:&quot;https:\\\/\\\/www.garciafaura.com\\\/wp-content\\\/uploads\\\/2018\\\/11\\\/Residencial-Trac\\u0327at-09.jpg&quot;,&quot;title&quot;:&quot;Fabricaci\\u00f3 i instal\\u00b7laci\\u00f3 de fusteria d&#039;alumini i vidrieria en\\u00a0urbanitzaci\\u00f3 de Tarragona&quot;},{&quot;src&quot;:&quot;https:\\\/\\\/www.garciafaura.com\\\/wp-content\\\/uploads\\\/2018\\\/11\\\/Residencial-Trac\\u0327at-08.jpg&quot;,&quot;title&quot;:&quot;Fabricaci\\u00f3 i instal\\u00b7laci\\u00f3 de fusteria d&#039;alumini i vidrieria en\\u00a0urbanitzaci\\u00f3 de Tarragona&quot;},{&quot;src&quot;:&quot;https:\\\/\\\/www.garciafaura.com\\\/wp-content\\\/uploads\\\/2018\\\/11\\\/Residencial-Trac\\u0327at-07.jpg&quot;,&quot;title&quot;:&quot;Fabricaci\\u00f3 i instal\\u00b7laci\\u00f3 de fusteria d&#039;alumini i vidrieria en\\u00a0urbanitzaci\\u00f3 de Tarragona&quot;},{&quot;src&quot;:&quot;https:\\\/\\\/www.garciafaura.com\\\/wp-content\\\/uploads\\\/2018\\\/11\\\/Residencial-Trac\\u0327at-06.jpg&quot;,&quot;title&quot;:&quot;Fabricaci\\u00f3 i instal\\u00b7laci\\u00f3 de fusteria d&#039;alumini i vidrieria en\\u00a0urbanitzaci\\u00f3 de Tarragona&quot;},{&quot;src&quot;:&quot;https:\\\/\\\/www.garciafaura.com\\\/wp-content\\\/uploads\\\/2018\\\/11\\\/Residencial-Trac\\u0327at-05.jpg&quot;,&quot;title&quot;:&quot;Fabricaci\\u00f3 i instal\\u00b7laci\\u00f3 de fusteria d&#039;alumini i vidrieria en\\u00a0urbanitzaci\\u00f3 de Tarragona&quot;},{&quot;src&quot;:&quot;https:\\\/\\\/www.garciafaura.com\\\/wp-content\\\/uploads\\\/2018\\\/11\\\/Residencial-Trac\\u0327at-04.jpg&quot;,&quot;title&quot;:&quot;Fabricaci\\u00f3 i instal\\u00b7laci\\u00f3 de fusteria d&#039;alumini i vidrieria en\\u00a0urbanitzaci\\u00f3 de Tarragona&quot;},{&quot;src&quot;:&quot;https:\\\/\\\/www.garciafaura.com\\\/wp-content\\\/uploads\\\/2018\\\/11\\\/Residencial-Trac\\u0327at-03.jpg&quot;,&quot;title&quot;:&quot;Fabricaci\\u00f3 i instal\\u00b7laci\\u00f3 de fusteria d&#039;alumini i vidrieria en\\u00a0urbanitzaci\\u00f3 de Tarragona&quot;},{&quot;src&quot;:&quot;https:\\\/\\\/www.garciafaura.com\\\/wp-content\\\/uploads\\\/2018\\\/11\\\/Residencial-Trac\\u0327at-02.jpg&quot;,&quot;title&quot;:&quot;Fabricaci\\u00f3 i instal\\u00b7laci\\u00f3 de fusteria d&#039;alumini i vidrieria en\\u00a0urbanitzaci\\u00f3 de Tarragona&quot;}]\"><img decoding=\"async\" data-no-lazy=\"1\" class=\"portfolio-entry-img skip-lazy\" src=\"https:\/\/www.garciafaura.com\/wp-content\/uploads\/2018\/11\/Residencial-Trac\u0327at-01-x.jpg\" alt=\"Fabrication And Installation Of Aluminium Joinery Works And Glazing On A Housing Estate In Tarragona\" data-no-retina \/><\/a><\/div><div class=\"portfolio-entry-details entry-details wpex-clr\"><h2 class=\"portfolio-entry-title entry-title\"><a href=\"https:\/\/www.garciafaura.com\/en\/portfolio-item\/tracat-residence\/\" title=\"Tra\u00e7at residence\">Tra\u00e7at residence<\/a><\/h2><div class=\"portfolio-entry-categories entry-categories wpex-clr\"><a href=\"https:\/\/www.garciafaura.com\/en\/portfolio-category\/residential-complexes\/\" class=\"term-76\">Residential complexes<\/a><\/div><\/div><\/div><\/div><div class=\"portfolio-entry vcex-grid-item entry-has-details span_1_of_3 col col-2 vcex-isotope-entry vcex-no-margin-entry post-20153 entry type-portfolio has-media cat-76 translation_priority-15\"><div class=\"portfolio-entry-inner entry-inner wpex-clr\"><div class=\"portfolio-entry-media entry-media wpex-clr\"><a href=\"https:\/\/www.garciafaura.com\/wp-content\/uploads\/2018\/11\/Promocio\u0301-carrer-Sant-Nicasi-01.jpg\" title=\"Sant Nicasi development\" class=\"portfolio-entry-media-link wpex-lightbox-gallery\" data-gallery=\"[{&quot;src&quot;:&quot;https:\\\/\\\/www.garciafaura.com\\\/wp-content\\\/uploads\\\/2018\\\/11\\\/Promocio\\u0301-carrer-Sant-Nicasi-01.jpg&quot;,&quot;title&quot;:&quot;Aluminium windows and window doors for the residential complex in Gav\\u00e0&quot;},{&quot;src&quot;:&quot;https:\\\/\\\/www.garciafaura.com\\\/wp-content\\\/uploads\\\/2018\\\/11\\\/Promocio\\u0301-carrer-Sant-Nicasi-07.jpg&quot;,&quot;title&quot;:&quot;Finestres i balconeres d&#039;alumini d&#039;aquest conjunt residencial de Gav\\u00e0Finestres i balconeres d&#039;alumini d&#039;aquest conjunt residencial de Gav\\u00e0&quot;},{&quot;src&quot;:&quot;https:\\\/\\\/www.garciafaura.com\\\/wp-content\\\/uploads\\\/2018\\\/11\\\/Promocio\\u0301-carrer-Sant-Nicasi-06.jpg&quot;,&quot;title&quot;:&quot;Finestres i balconeres d&#039;alumini d&#039;aquest conjunt residencial de Gav\\u00e0&quot;},{&quot;src&quot;:&quot;https:\\\/\\\/www.garciafaura.com\\\/wp-content\\\/uploads\\\/2018\\\/11\\\/Promocio\\u0301-carrer-Sant-Nicasi-05.jpg&quot;,&quot;title&quot;:&quot;Finestres i balconeres d&#039;alumini d&#039;aquest conjunt residencial de Gav\\u00e0&quot;},{&quot;src&quot;:&quot;https:\\\/\\\/www.garciafaura.com\\\/wp-content\\\/uploads\\\/2018\\\/11\\\/Promocio\\u0301-carrer-Sant-Nicasi-04.jpg&quot;,&quot;title&quot;:&quot;Finestres i balconeres d&#039;alumini d&#039;aquest conjunt residencial de Gav\\u00e0&quot;},{&quot;src&quot;:&quot;https:\\\/\\\/www.garciafaura.com\\\/wp-content\\\/uploads\\\/2018\\\/11\\\/Promocio\\u0301-carrer-Sant-Nicasi-03.jpg&quot;,&quot;title&quot;:&quot;Finestres i balconeres d&#039;alumini d&#039;aquest conjunt residencial de Gav\\u00e0&quot;},{&quot;src&quot;:&quot;https:\\\/\\\/www.garciafaura.com\\\/wp-content\\\/uploads\\\/2018\\\/11\\\/Promocio\\u0301-carrer-Sant-Nicasi-02.jpg&quot;,&quot;title&quot;:&quot;Finestres i balconeres d&#039;alumini d&#039;aquest conjunt residencial de Gav\\u00e0&quot;}]\"><img decoding=\"async\" data-no-lazy=\"1\" class=\"portfolio-entry-img skip-lazy\" src=\"https:\/\/www.garciafaura.com\/wp-content\/uploads\/2018\/11\/Promocio\u0301-carrer-Sant-Nicasi-01-x.jpg\" alt=\"Aluminium Windows And Window Doors For The Residential Complex In Gav\u00e0\" data-no-retina \/><\/a><\/div><div class=\"portfolio-entry-details entry-details wpex-clr\"><h2 class=\"portfolio-entry-title entry-title\"><a href=\"https:\/\/www.garciafaura.com\/en\/portfolio-item\/sant-nicasi-development\/\" title=\"Sant Nicasi development\">Sant Nicasi development<\/a><\/h2><div class=\"portfolio-entry-categories entry-categories wpex-clr\"><a href=\"https:\/\/www.garciafaura.com\/en\/portfolio-category\/residential-complexes\/\" class=\"term-76\">Residential complexes<\/a><\/div><\/div><\/div><\/div><div class=\"portfolio-entry vcex-grid-item entry-has-details span_1_of_3 col col-3 vcex-isotope-entry vcex-no-margin-entry post-20154 entry type-portfolio has-media cat-76 cat-70 translation_priority-15\"><div class=\"portfolio-entry-inner entry-inner wpex-clr\"><div class=\"portfolio-entry-media entry-media wpex-clr\"><a href=\"https:\/\/www.garciafaura.com\/wp-content\/uploads\/2018\/11\/Promocio\u0301-Sant-Fost-01-0.jpg\" title=\"Sant Fost development\" class=\"portfolio-entry-media-link wpex-lightbox-gallery\" data-gallery=\"[{&quot;src&quot;:&quot;https:\\\/\\\/www.garciafaura.com\\\/wp-content\\\/uploads\\\/2018\\\/11\\\/Promocio\\u0301-Sant-Fost-01-0.jpg&quot;},{&quot;src&quot;:&quot;https:\\\/\\\/www.garciafaura.com\\\/wp-content\\\/uploads\\\/2018\\\/11\\\/Promocio\\u0301-Sant-Fost-05-1.jpg&quot;,&quot;title&quot;:&quot;Conjunt de tancaments d&#039;alumini i vidre en barri de nova creaci\\u00f3&quot;},{&quot;src&quot;:&quot;https:\\\/\\\/www.garciafaura.com\\\/wp-content\\\/uploads\\\/2018\\\/11\\\/Promocio\\u0301-Sant-Fost-04-1.jpg&quot;,&quot;title&quot;:&quot;Conjunt de tancaments d&#039;alumini i vidre en barri de nova creaci\\u00f3&quot;},{&quot;src&quot;:&quot;https:\\\/\\\/www.garciafaura.com\\\/wp-content\\\/uploads\\\/2018\\\/11\\\/Promocio\\u0301-Sant-Fost-03-1.jpg&quot;,&quot;title&quot;:&quot;Conjunt de tancaments d&#039;alumini i vidre en barri de nova creaci\\u00f3&quot;},{&quot;src&quot;:&quot;https:\\\/\\\/www.garciafaura.com\\\/wp-content\\\/uploads\\\/2018\\\/11\\\/Promocio\\u0301-Sant-Fost-02-1.jpg&quot;,&quot;title&quot;:&quot;Conjunt de tancaments d&#039;alumini i vidre en barri de nova creaci\\u00f3&quot;}]\"><img loading=\"lazy\" decoding=\"async\" data-no-lazy=\"1\" class=\"portfolio-entry-img skip-lazy\" src=\"https:\/\/www.garciafaura.com\/wp-content\/uploads\/2018\/11\/Promocio\u0301-Sant-Fost-01-0-600x314.jpg\" alt='' data-no-retina width=\"600\" height=\"314\" \/><\/a><\/div><div class=\"portfolio-entry-details entry-details wpex-clr\"><h2 class=\"portfolio-entry-title entry-title\"><a href=\"https:\/\/www.garciafaura.com\/en\/portfolio-item\/sant-fost-development\/\" title=\"Sant Fost development\">Sant Fost development<\/a><\/h2><div class=\"portfolio-entry-categories entry-categories wpex-clr\"><a href=\"https:\/\/www.garciafaura.com\/en\/portfolio-category\/residential-complexes\/\" class=\"term-76\">Residential complexes<\/a><\/div><\/div><\/div><\/div><div class=\"portfolio-entry vcex-grid-item entry-has-details span_1_of_3 col col-1 vcex-isotope-entry vcex-no-margin-entry post-20152 entry type-portfolio has-media cat-76 translation_priority-15\"><div class=\"portfolio-entry-inner entry-inner wpex-clr\"><div class=\"portfolio-entry-media entry-media wpex-clr\"><a href=\"https:\/\/www.garciafaura.com\/wp-content\/uploads\/2018\/11\/Sant-Jaume-Parc-02.jpg\" title=\"Sant Jaume Parc\" class=\"portfolio-entry-media-link wpex-lightbox-gallery\" data-gallery=\"[{&quot;src&quot;:&quot;https:\\\/\\\/www.garciafaura.com\\\/wp-content\\\/uploads\\\/2018\\\/11\\\/Sant-Jaume-Parc-01.jpg&quot;,&quot;title&quot;:&quot;Treballs de fusteria d&#039;alumini en conjunt residencial de 8 blocs d&#039;habitatges&quot;},{&quot;src&quot;:&quot;https:\\\/\\\/www.garciafaura.com\\\/wp-content\\\/uploads\\\/2018\\\/11\\\/Sant-Jaume-Parc-02.jpg&quot;,&quot;title&quot;:&quot;Aluminium joinery works in residential complex comprising 8 blocks of apartments&quot;}]\"><img decoding=\"async\" data-no-lazy=\"1\" class=\"portfolio-entry-img skip-lazy\" src=\"https:\/\/www.garciafaura.com\/wp-content\/uploads\/2018\/11\/Sant-Jaume-Parc-02-x.jpg\" alt=\"Aluminium Joinery Works In Residential Complex Comprising 8 Blocks Of Apartments\" data-no-retina \/><\/a><\/div><div class=\"portfolio-entry-details entry-details wpex-clr\"><h2 class=\"portfolio-entry-title entry-title\"><a href=\"https:\/\/www.garciafaura.com\/en\/portfolio-item\/sant-jaume-parc\/\" title=\"Sant Jaume Parc\">Sant Jaume Parc<\/a><\/h2><div class=\"portfolio-entry-categories entry-categories wpex-clr\"><a href=\"https:\/\/www.garciafaura.com\/en\/portfolio-category\/residential-complexes\/\" class=\"term-76\">Residential complexes<\/a><\/div><\/div><\/div><\/div><div class=\"portfolio-entry vcex-grid-item entry-has-details span_1_of_3 col col-2 vcex-isotope-entry vcex-no-margin-entry post-20150 entry type-portfolio has-media cat-76 translation_priority-15\"><div class=\"portfolio-entry-inner entry-inner wpex-clr\"><div class=\"portfolio-entry-media entry-media wpex-clr\"><a href=\"https:\/\/www.garciafaura.com\/wp-content\/uploads\/2018\/11\/Gava\u0300-carretera-01.jpg\" title=\"Carretera Gav\u00e0 development 2\" class=\"portfolio-entry-media-link wpex-lightbox-gallery\" data-gallery=\"[{&quot;src&quot;:&quot;https:\\\/\\\/www.garciafaura.com\\\/wp-content\\\/uploads\\\/2018\\\/11\\\/Gava\\u0300-carretera-01.jpg&quot;,&quot;title&quot;:&quot;Glazed aluminium enclosures and facade in Gav\\u00e0&quot;},{&quot;src&quot;:&quot;https:\\\/\\\/www.garciafaura.com\\\/wp-content\\\/uploads\\\/2018\\\/11\\\/Gava\\u0300-carretera-04.jpg&quot;,&quot;title&quot;:&quot;Fa\\u00e7ana i tancaments en alumini i vidre a Gav\\u00e0&quot;},{&quot;src&quot;:&quot;https:\\\/\\\/www.garciafaura.com\\\/wp-content\\\/uploads\\\/2018\\\/11\\\/Gava\\u0300-carretera-03.jpg&quot;,&quot;title&quot;:&quot;Fa\\u00e7ana i tancaments en alumini i vidre a Gav\\u00e0&quot;},{&quot;src&quot;:&quot;https:\\\/\\\/www.garciafaura.com\\\/wp-content\\\/uploads\\\/2018\\\/11\\\/Gava\\u0300-carretera-02.jpg&quot;,&quot;title&quot;:&quot;Fa\\u00e7ana i tancaments en alumini i vidre a Gav\\u00e0&quot;}]\"><img decoding=\"async\" data-no-lazy=\"1\" class=\"portfolio-entry-img skip-lazy\" src=\"https:\/\/www.garciafaura.com\/wp-content\/uploads\/2018\/11\/Gava\u0300-carretera-01-x.jpg\" alt=\"Glazed Aluminium Enclosures And Facade In Gav\u00e0\" data-no-retina \/><\/a><\/div><div class=\"portfolio-entry-details entry-details wpex-clr\"><h2 class=\"portfolio-entry-title entry-title\"><a href=\"https:\/\/www.garciafaura.com\/en\/portfolio-item\/carretera-gava-development-2\/\" title=\"Carretera Gav\u00e0 development 2\">Carretera Gav\u00e0 development 2<\/a><\/h2><div class=\"portfolio-entry-categories entry-categories wpex-clr\"><a href=\"https:\/\/www.garciafaura.com\/en\/portfolio-category\/residential-complexes\/\" class=\"term-76\">Residential complexes<\/a><\/div><\/div><\/div><\/div><div class=\"portfolio-entry vcex-grid-item entry-has-details span_1_of_3 col col-3 vcex-isotope-entry vcex-no-margin-entry post-20146 entry type-portfolio has-media cat-76 translation_priority-15\"><div class=\"portfolio-entry-inner entry-inner wpex-clr\"><div class=\"portfolio-entry-media entry-media wpex-clr\"><a href=\"https:\/\/www.garciafaura.com\/wp-content\/uploads\/2018\/11\/Promocio\u0301-Sant-Fost-03.jpg\" title=\"Sant Fost residential development\" class=\"portfolio-entry-media-link wpex-lightbox-gallery\" data-gallery=\"[{&quot;src&quot;:&quot;https:\\\/\\\/www.garciafaura.com\\\/wp-content\\\/uploads\\\/2018\\\/11\\\/Promocio\\u0301-Sant-Fost-01-0.jpg&quot;},{&quot;src&quot;:&quot;https:\\\/\\\/www.garciafaura.com\\\/wp-content\\\/uploads\\\/2018\\\/11\\\/Promocio\\u0301-Sant-Fost-05-1.jpg&quot;,&quot;title&quot;:&quot;Conjunt de tancaments d&#039;alumini i vidre en barri de nova creaci\\u00f3&quot;},{&quot;src&quot;:&quot;https:\\\/\\\/www.garciafaura.com\\\/wp-content\\\/uploads\\\/2018\\\/11\\\/Promocio\\u0301-Sant-Fost-04-1.jpg&quot;,&quot;title&quot;:&quot;Conjunt de tancaments d&#039;alumini i vidre en barri de nova creaci\\u00f3&quot;},{&quot;src&quot;:&quot;https:\\\/\\\/www.garciafaura.com\\\/wp-content\\\/uploads\\\/2018\\\/11\\\/Promocio\\u0301-Sant-Fost-03-1.jpg&quot;,&quot;title&quot;:&quot;Conjunt de tancaments d&#039;alumini i vidre en barri de nova creaci\\u00f3&quot;},{&quot;src&quot;:&quot;https:\\\/\\\/www.garciafaura.com\\\/wp-content\\\/uploads\\\/2018\\\/11\\\/Promocio\\u0301-Sant-Fost-02-1.jpg&quot;,&quot;title&quot;:&quot;Conjunt de tancaments d&#039;alumini i vidre en barri de nova creaci\\u00f3&quot;},{&quot;src&quot;:&quot;https:\\\/\\\/www.garciafaura.com\\\/wp-content\\\/uploads\\\/2018\\\/11\\\/Promocio\\u0301-Sant-Fost-01-1.jpg&quot;,&quot;title&quot;:&quot;Conjunt de tancaments d&#039;alumini i vidre en barri de nova creaci\\u00f3&quot;},{&quot;src&quot;:&quot;https:\\\/\\\/www.garciafaura.com\\\/wp-content\\\/uploads\\\/2018\\\/11\\\/Promocio\\u0301-Sant-Fost-03.jpg&quot;,&quot;title&quot;:&quot;Set of aluminium and glass enclosures in a newly created neighbourhood&quot;},{&quot;src&quot;:&quot;https:\\\/\\\/www.garciafaura.com\\\/wp-content\\\/uploads\\\/2018\\\/11\\\/Promocio\\u0301-Sant-Fost-04.jpg&quot;,&quot;title&quot;:&quot;Conjunt de tancaments d&#039;alumini i vidre en barri de nova creaci\\u00f3&quot;},{&quot;src&quot;:&quot;https:\\\/\\\/www.garciafaura.com\\\/wp-content\\\/uploads\\\/2018\\\/11\\\/Promocio\\u0301-Sant-Fost-07.jpg&quot;,&quot;title&quot;:&quot;Conjunt de tancaments d&#039;alumini i vidre en barri de nova creaci\\u00f3&quot;},{&quot;src&quot;:&quot;https:\\\/\\\/www.garciafaura.com\\\/wp-content\\\/uploads\\\/2018\\\/11\\\/Promocio\\u0301-Sant-Fost-06.jpg&quot;,&quot;title&quot;:&quot;Conjunt de tancaments d&#039;alumini i vidre en barri de nova creaci\\u00f3&quot;},{&quot;src&quot;:&quot;https:\\\/\\\/www.garciafaura.com\\\/wp-content\\\/uploads\\\/2018\\\/11\\\/Promocio\\u0301-Sant-Fost-05.jpg&quot;,&quot;title&quot;:&quot;Conjunt de tancaments d&#039;alumini i vidre en barri de nova creaci\\u00f3&quot;},{&quot;src&quot;:&quot;https:\\\/\\\/www.garciafaura.com\\\/wp-content\\\/uploads\\\/2018\\\/11\\\/Promocio\\u0301-Sant-Fost-01.jpg&quot;,&quot;title&quot;:&quot;Conjunt de tancaments d&#039;alumini i vidre en barri de nova creaci\\u00f3&quot;},{&quot;src&quot;:&quot;https:\\\/\\\/www.garciafaura.com\\\/wp-content\\\/uploads\\\/2018\\\/11\\\/Promocio\\u0301-Sant-Fost-02.jpg&quot;,&quot;title&quot;:&quot;Conjunt de tancaments d&#039;alumini i vidre en barri de nova creaci\\u00f3&quot;}]\"><img decoding=\"async\" data-no-lazy=\"1\" class=\"portfolio-entry-img skip-lazy\" src=\"https:\/\/www.garciafaura.com\/wp-content\/uploads\/2018\/11\/Promocio\u0301-Sant-Fost-03-x.jpg\" alt=\"Set Of Aluminium And Glass Enclosures In A Newly Created Neighbourhood\" data-no-retina \/><\/a><\/div><div class=\"portfolio-entry-details entry-details wpex-clr\"><h2 class=\"portfolio-entry-title entry-title\"><a href=\"https:\/\/www.garciafaura.com\/en\/portfolio-item\/sant-frost-residential-development\/\" title=\"Sant Fost residential development\">Sant Fost residential development<\/a><\/h2><div class=\"portfolio-entry-categories entry-categories wpex-clr\"><a href=\"https:\/\/www.garciafaura.com\/en\/portfolio-category\/residential-complexes\/\" class=\"term-76\">Residential complexes<\/a><\/div><\/div><\/div><\/div><div class=\"portfolio-entry vcex-grid-item entry-has-details span_1_of_3 col col-1 vcex-isotope-entry vcex-no-margin-entry post-20144 entry type-portfolio has-media cat-76 translation_priority-15\"><div class=\"portfolio-entry-inner entry-inner wpex-clr\"><div class=\"portfolio-entry-media entry-media wpex-clr\"><a href=\"https:\/\/www.garciafaura.com\/wp-content\/uploads\/2018\/11\/Promocio\u0301-carrer-Centre-05.jpg\" title=\"Centre development\" class=\"portfolio-entry-media-link wpex-lightbox-gallery\" data-gallery=\"[{&quot;src&quot;:&quot;https:\\\/\\\/www.garciafaura.com\\\/wp-content\\\/uploads\\\/2018\\\/11\\\/Promocio\\u0301-carrer-Centre-06.jpg&quot;,&quot;title&quot;:&quot;Finestres i balconeres d&#039;alumini d&#039;aquest conjunt residencial de Gav\\u00e0&quot;},{&quot;src&quot;:&quot;https:\\\/\\\/www.garciafaura.com\\\/wp-content\\\/uploads\\\/2018\\\/11\\\/Promocio\\u0301-carrer-Centre-05.jpg&quot;,&quot;title&quot;:&quot;Aluminium windows and window doors for the residential complex in Gav\\u00e0&quot;},{&quot;src&quot;:&quot;https:\\\/\\\/www.garciafaura.com\\\/wp-content\\\/uploads\\\/2018\\\/11\\\/Promocio\\u0301-carrer-Centre-04.jpg&quot;,&quot;title&quot;:&quot;Finestres i balconeres d&#039;alumini d&#039;aquest conjunt residencial de Gav\\u00e0&quot;},{&quot;src&quot;:&quot;https:\\\/\\\/www.garciafaura.com\\\/wp-content\\\/uploads\\\/2018\\\/11\\\/Promocio\\u0301-carrer-Centre-03.jpg&quot;,&quot;title&quot;:&quot;Finestres i balconeres d&#039;alumini d&#039;aquest conjunt residencial de Gav\\u00e0&quot;},{&quot;src&quot;:&quot;https:\\\/\\\/www.garciafaura.com\\\/wp-content\\\/uploads\\\/2018\\\/11\\\/Promocio\\u0301-carrer-Centre-02.jpg&quot;,&quot;title&quot;:&quot;Finestres i balconeres d&#039;alumini d&#039;aquest conjunt residencial de Gav\\u00e0&quot;},{&quot;src&quot;:&quot;https:\\\/\\\/www.garciafaura.com\\\/wp-content\\\/uploads\\\/2018\\\/11\\\/Promocio\\u0301-carrer-Centre-01.jpg&quot;,&quot;title&quot;:&quot;Finestres i balconeres d&#039;alumini d&#039;aquest conjunt residencial de Gav\\u00e0&quot;}]\"><img decoding=\"async\" data-no-lazy=\"1\" class=\"portfolio-entry-img skip-lazy\" src=\"https:\/\/www.garciafaura.com\/wp-content\/uploads\/2018\/11\/Promocio\u0301-carrer-Centre-05-x.jpg\" alt=\"Aluminium Windows And Window Doors For The Residential Complex In Gav\u00e0\" data-no-retina \/><\/a><\/div><div class=\"portfolio-entry-details entry-details wpex-clr\"><h2 class=\"portfolio-entry-title entry-title\"><a href=\"https:\/\/www.garciafaura.com\/en\/portfolio-item\/centre-development\/\" title=\"Centre development\">Centre development<\/a><\/h2><div class=\"portfolio-entry-categories entry-categories wpex-clr\"><a href=\"https:\/\/www.garciafaura.com\/en\/portfolio-category\/residential-complexes\/\" class=\"term-76\">Residential complexes<\/a><\/div><\/div><\/div><\/div><div class=\"portfolio-entry vcex-grid-item entry-has-details span_1_of_3 col col-2 vcex-isotope-entry vcex-no-margin-entry post-20143 entry type-portfolio has-media cat-76 translation_priority-15\"><div class=\"portfolio-entry-inner entry-inner wpex-clr\"><div class=\"portfolio-entry-media entry-media wpex-clr\"><a href=\"https:\/\/www.garciafaura.com\/wp-content\/uploads\/2018\/11\/Promocio\u0301-carrer-Major-02.jpg\" title=\"Calle Major development\" class=\"portfolio-entry-media-link wpex-lightbox-gallery\" data-gallery=\"[{&quot;src&quot;:&quot;https:\\\/\\\/www.garciafaura.com\\\/wp-content\\\/uploads\\\/2018\\\/11\\\/Promocio\\u0301-carrer-Major-05.jpg&quot;,&quot;title&quot;:&quot;Finestres i balconeres d&#039;alumini d&#039;aquest conjunt residencial de Gav\\u00e0&quot;},{&quot;src&quot;:&quot;https:\\\/\\\/www.garciafaura.com\\\/wp-content\\\/uploads\\\/2018\\\/11\\\/Promocio\\u0301-carrer-Major-04.jpg&quot;,&quot;title&quot;:&quot;Finestres i balconeres d&#039;alumini d&#039;aquest conjunt residencial de Gav\\u00e0&quot;},{&quot;src&quot;:&quot;https:\\\/\\\/www.garciafaura.com\\\/wp-content\\\/uploads\\\/2018\\\/11\\\/Promocio\\u0301-carrer-Major-03.jpg&quot;,&quot;title&quot;:&quot;Finestres i balconeres d&#039;alumini d&#039;aquest conjunt residencial de Gav\\u00e0&quot;},{&quot;src&quot;:&quot;https:\\\/\\\/www.garciafaura.com\\\/wp-content\\\/uploads\\\/2018\\\/11\\\/Promocio\\u0301-carrer-Major-02.jpg&quot;,&quot;title&quot;:&quot;Aluminium windows and window doors for the residential complex in Gav\\u00e0&quot;},{&quot;src&quot;:&quot;https:\\\/\\\/www.garciafaura.com\\\/wp-content\\\/uploads\\\/2018\\\/11\\\/Promocio\\u0301-carrer-Major-01.jpg&quot;,&quot;title&quot;:&quot;Finestres i balconeres d&#039;alumini d&#039;aquest conjunt residencial de Gav\\u00e0&quot;}]\"><img decoding=\"async\" data-no-lazy=\"1\" class=\"portfolio-entry-img skip-lazy\" src=\"https:\/\/www.garciafaura.com\/wp-content\/uploads\/2018\/11\/Promocio\u0301-carrer-Major-02-x.jpg\" alt=\"Aluminium Windows And Window Doors For The Residential Complex In Gav\u00e0\" data-no-retina \/><\/a><\/div><div class=\"portfolio-entry-details entry-details wpex-clr\"><h2 class=\"portfolio-entry-title entry-title\"><a href=\"https:\/\/www.garciafaura.com\/en\/portfolio-item\/calle-major-development\/\" title=\"Calle Major development\">Calle Major development<\/a><\/h2><div class=\"portfolio-entry-categories entry-categories wpex-clr\"><a href=\"https:\/\/www.garciafaura.com\/en\/portfolio-category\/residential-complexes\/\" class=\"term-76\">Residential complexes<\/a><\/div><\/div><\/div><\/div><div class=\"portfolio-entry vcex-grid-item entry-has-details span_1_of_3 col col-3 vcex-isotope-entry vcex-no-margin-entry post-20142 entry type-portfolio has-media cat-76 translation_priority-15\"><div class=\"portfolio-entry-inner entry-inner wpex-clr\"><div class=\"portfolio-entry-media entry-media wpex-clr\"><a href=\"https:\/\/www.garciafaura.com\/wp-content\/uploads\/2018\/11\/Residencial-El-Pla-01.jpg\" title=\"El Pla residence\" class=\"portfolio-entry-media-link wpex-lightbox-gallery\" data-gallery=\"[{&quot;src&quot;:&quot;https:\\\/\\\/www.garciafaura.com\\\/wp-content\\\/uploads\\\/2018\\\/11\\\/Residencial-El-Pla-01.jpg&quot;,&quot;title&quot;:&quot;Interior and exterior enclosures in the 200-residence development&quot;}]\"><img decoding=\"async\" data-no-lazy=\"1\" class=\"portfolio-entry-img skip-lazy\" src=\"https:\/\/www.garciafaura.com\/wp-content\/uploads\/2018\/11\/Residencial-El-Pla-01-x.jpg\" alt=\"Interior And Exterior Enclosures In The 200-residence Development\" data-no-retina \/><\/a><\/div><div class=\"portfolio-entry-details entry-details wpex-clr\"><h2 class=\"portfolio-entry-title entry-title\"><a href=\"https:\/\/www.garciafaura.com\/en\/portfolio-item\/el-pla-residence\/\" title=\"El Pla residence\">El Pla residence<\/a><\/h2><div class=\"portfolio-entry-categories entry-categories wpex-clr\"><a href=\"https:\/\/www.garciafaura.com\/en\/portfolio-category\/residential-complexes\/\" class=\"term-76\">Residential complexes<\/a><\/div><\/div><\/div><\/div><div class=\"portfolio-entry vcex-grid-item entry-has-details span_1_of_3 col col-1 vcex-isotope-entry vcex-no-margin-entry post-20140 entry type-portfolio has-media cat-76 translation_priority-15\"><div class=\"portfolio-entry-inner entry-inner wpex-clr\"><div class=\"portfolio-entry-media entry-media wpex-clr\"><a href=\"https:\/\/www.garciafaura.com\/wp-content\/uploads\/2018\/11\/Habitatge-a-Horta-01.jpg\" title=\"Residential development in Horta\" class=\"portfolio-entry-media-link wpex-lightbox-gallery\" data-gallery=\"[{&quot;src&quot;:&quot;https:\\\/\\\/www.garciafaura.com\\\/wp-content\\\/uploads\\\/2018\\\/11\\\/Habitatge-a-Horta-01.jpg&quot;,&quot;title&quot;:&quot;Installation of aluminium doors and windows in the residential development&quot;}]\"><img decoding=\"async\" data-no-lazy=\"1\" class=\"portfolio-entry-img skip-lazy\" src=\"https:\/\/www.garciafaura.com\/wp-content\/uploads\/2018\/11\/Habitatge-a-Horta-01-x.jpg\" alt=\"Installation Of Aluminium Doors And Windows In The Residential Development\" data-no-retina \/><\/a><\/div><div class=\"portfolio-entry-details entry-details wpex-clr\"><h2 class=\"portfolio-entry-title entry-title\"><a href=\"https:\/\/www.garciafaura.com\/en\/portfolio-item\/residential-development-in-horta\/\" title=\"Residential development in Horta\">Residential development in Horta<\/a><\/h2><div class=\"portfolio-entry-categories entry-categories wpex-clr\"><a href=\"https:\/\/www.garciafaura.com\/en\/portfolio-category\/residential-complexes\/\" class=\"term-76\">Residential complexes<\/a><\/div><\/div><\/div><\/div><div class=\"portfolio-entry vcex-grid-item entry-has-details span_1_of_3 col col-2 vcex-isotope-entry vcex-no-margin-entry post-20139 entry type-portfolio has-media cat-76 translation_priority-15\"><div class=\"portfolio-entry-inner entry-inner wpex-clr\"><div class=\"portfolio-entry-media entry-media wpex-clr\"><a href=\"https:\/\/www.garciafaura.com\/wp-content\/uploads\/2018\/11\/Apartaments-El-Vinyet-01.jpg\" title=\"El Vinyet apartments\" class=\"portfolio-entry-media-link wpex-lightbox-gallery\" data-gallery=\"[{&quot;src&quot;:&quot;https:\\\/\\\/www.garciafaura.com\\\/wp-content\\\/uploads\\\/2018\\\/11\\\/Apartaments-El-Vinyet-01.jpg&quot;,&quot;title&quot;:&quot;Set of aluminium and glass joinery works in an apartment block in Sitges&quot;}]\"><img decoding=\"async\" data-no-lazy=\"1\" class=\"portfolio-entry-img skip-lazy\" src=\"https:\/\/www.garciafaura.com\/wp-content\/uploads\/2018\/11\/Apartaments-El-Vinyet-01-x.jpg\" alt=\"Set Of Aluminium And Glass Joinery Works In An Apartment Block In Sitges\" data-no-retina \/><\/a><\/div><div class=\"portfolio-entry-details entry-details wpex-clr\"><h2 class=\"portfolio-entry-title entry-title\"><a href=\"https:\/\/www.garciafaura.com\/en\/portfolio-item\/el-vinyet-apartments\/\" title=\"El Vinyet apartments\">El Vinyet apartments<\/a><\/h2><div class=\"portfolio-entry-categories entry-categories wpex-clr\"><a href=\"https:\/\/www.garciafaura.com\/en\/portfolio-category\/residential-complexes\/\" class=\"term-76\">Residential complexes<\/a><\/div><\/div><\/div><\/div><div class=\"portfolio-entry vcex-grid-item entry-has-details span_1_of_3 col col-3 vcex-isotope-entry vcex-no-margin-entry post-20136 entry type-portfolio has-media cat-76 translation_priority-15\"><div class=\"portfolio-entry-inner entry-inner wpex-clr\"><div class=\"portfolio-entry-media entry-media wpex-clr\"><a href=\"https:\/\/www.garciafaura.com\/wp-content\/uploads\/2018\/11\/Residencial-Sarria\u0300-01-1.jpg\" title=\"Sarri\u00e0 development\" class=\"portfolio-entry-media-link wpex-lightbox-gallery\" data-gallery=\"[{&quot;src&quot;:&quot;https:\\\/\\\/www.garciafaura.com\\\/wp-content\\\/uploads\\\/2018\\\/11\\\/Residencial-Sarria\\u0300-01-1.jpg&quot;,&quot;title&quot;:&quot;Installation of aluminium doors and windows in the residential development&quot;}]\"><img decoding=\"async\" data-no-lazy=\"1\" class=\"portfolio-entry-img skip-lazy\" src=\"https:\/\/www.garciafaura.com\/wp-content\/uploads\/2018\/11\/Residencial-Sarria\u0300-01-1-x.jpg\" alt=\"Installation Of Aluminium Doors And Windows In The Residential Development\" data-no-retina \/><\/a><\/div><div class=\"portfolio-entry-details entry-details wpex-clr\"><h2 class=\"portfolio-entry-title entry-title\"><a href=\"https:\/\/www.garciafaura.com\/en\/portfolio-item\/sarria-development\/\" title=\"Sarri\u00e0 development\">Sarri\u00e0 development<\/a><\/h2><div class=\"portfolio-entry-categories entry-categories wpex-clr\"><a href=\"https:\/\/www.garciafaura.com\/en\/portfolio-category\/residential-complexes\/\" class=\"term-76\">Residential complexes<\/a><\/div><\/div><\/div><\/div><div class=\"portfolio-entry vcex-grid-item entry-has-details span_1_of_3 col col-1 vcex-isotope-entry vcex-no-margin-entry post-20125 entry type-portfolio has-media cat-76 translation_priority-15\"><div class=\"portfolio-entry-inner entry-inner wpex-clr\"><div class=\"portfolio-entry-media entry-media wpex-clr\"><a href=\"https:\/\/www.garciafaura.com\/wp-content\/uploads\/2018\/11\/Promocio\u0301-carretera-Gava\u0300-01.jpg\" title=\"Carretera Gav\u00e0 development 1\" class=\"portfolio-entry-media-link wpex-lightbox-gallery\" data-gallery=\"[{&quot;src&quot;:&quot;https:\\\/\\\/www.garciafaura.com\\\/wp-content\\\/uploads\\\/2018\\\/11\\\/Promocio\\u0301-carretera-Gava\\u0300-01.jpg&quot;,&quot;title&quot;:&quot;Aluminium windows and window doors for the residential complex in Gav\\u00e0&quot;},{&quot;src&quot;:&quot;https:\\\/\\\/www.garciafaura.com\\\/wp-content\\\/uploads\\\/2018\\\/11\\\/Promocio\\u0301-carretera-Gava\\u0300-07.jpg&quot;,&quot;title&quot;:&quot;Finestres i balconeres d&#039;alumini d&#039;aquest conjunt residencial de Gav\\u00e0&quot;},{&quot;src&quot;:&quot;https:\\\/\\\/www.garciafaura.com\\\/wp-content\\\/uploads\\\/2018\\\/11\\\/Promocio\\u0301-carretera-Gava\\u0300-06.jpg&quot;,&quot;title&quot;:&quot;Finestres i balconeres d&#039;alumini d&#039;aquest conjunt residencial de Gav\\u00e0&quot;},{&quot;src&quot;:&quot;https:\\\/\\\/www.garciafaura.com\\\/wp-content\\\/uploads\\\/2018\\\/11\\\/Promocio\\u0301-carretera-Gava\\u0300-05.jpg&quot;,&quot;title&quot;:&quot;Finestres i balconeres d&#039;alumini d&#039;aquest conjunt residencial de Gav\\u00e0&quot;},{&quot;src&quot;:&quot;https:\\\/\\\/www.garciafaura.com\\\/wp-content\\\/uploads\\\/2018\\\/11\\\/Promocio\\u0301-carretera-Gava\\u0300-04.jpg&quot;,&quot;title&quot;:&quot;Finestres i balconeres d&#039;alumini d&#039;aquest conjunt residencial de Gav\\u00e0&quot;},{&quot;src&quot;:&quot;https:\\\/\\\/www.garciafaura.com\\\/wp-content\\\/uploads\\\/2018\\\/11\\\/Promocio\\u0301-carretera-Gava\\u0300-03.jpg&quot;,&quot;title&quot;:&quot;Finestres i balconeres d&#039;alumini d&#039;aquest conjunt residencial de Gav\\u00e0&quot;},{&quot;src&quot;:&quot;https:\\\/\\\/www.garciafaura.com\\\/wp-content\\\/uploads\\\/2018\\\/11\\\/Promocio\\u0301-carretera-Gava\\u0300-02.jpg&quot;,&quot;title&quot;:&quot;Finestres i balconeres d&#039;alumini d&#039;aquest conjunt residencial de Gav\\u00e0&quot;}]\"><img decoding=\"async\" data-no-lazy=\"1\" class=\"portfolio-entry-img skip-lazy\" src=\"https:\/\/www.garciafaura.com\/wp-content\/uploads\/2018\/11\/Promocio\u0301-carretera-Gava\u0300-01-x.jpg\" alt=\"Aluminium Windows And Window Doors For The Residential Complex In Gav\u00e0\" data-no-retina \/><\/a><\/div><div class=\"portfolio-entry-details entry-details wpex-clr\"><h2 class=\"portfolio-entry-title entry-title\"><a href=\"https:\/\/www.garciafaura.com\/en\/portfolio-item\/carretera-gava-development-1\/\" title=\"Carretera Gav\u00e0 development 1\">Carretera Gav\u00e0 development 1<\/a><\/h2><div class=\"portfolio-entry-categories entry-categories wpex-clr\"><a href=\"https:\/\/www.garciafaura.com\/en\/portfolio-category\/residential-complexes\/\" class=\"term-76\">Residential complexes<\/a><\/div><\/div><\/div><\/div><div class=\"portfolio-entry vcex-grid-item entry-has-details span_1_of_3 col col-2 vcex-isotope-entry vcex-no-margin-entry post-20124 entry type-portfolio has-media cat-87 cat-76 cat-70 translation_priority-15\"><div class=\"portfolio-entry-inner entry-inner wpex-clr\"><div class=\"portfolio-entry-media entry-media wpex-clr\"><a href=\"https:\/\/www.garciafaura.com\/wp-content\/uploads\/2018\/11\/Rehabilitacio\u0301-Can-Modolell-01.jpg\" title=\"Can Modolell renovation\" class=\"portfolio-entry-media-link wpex-lightbox-gallery\" data-gallery=\"[{&quot;src&quot;:&quot;https:\\\/\\\/www.garciafaura.com\\\/wp-content\\\/uploads\\\/2018\\\/11\\\/Rehabilitacio\\u0301-Can-Modolell-01.jpg&quot;,&quot;title&quot;:&quot;Comprehensive renovation of the Can Modolell tower and new annexed housing development&quot;},{&quot;src&quot;:&quot;https:\\\/\\\/www.garciafaura.com\\\/wp-content\\\/uploads\\\/2018\\\/11\\\/Rehabilitacio\\u0301-Can-Modolell-02.jpg&quot;,&quot;title&quot;:&quot;Rehabilitaci\\u00f3 integral de la torre Can Modolell i nova urbanitzaci\\u00f3 annexa&quot;}]\"><img decoding=\"async\" data-no-lazy=\"1\" class=\"portfolio-entry-img skip-lazy\" src=\"https:\/\/www.garciafaura.com\/wp-content\/uploads\/2018\/11\/Rehabilitacio\u0301-Can-Modolell-01-x.jpg\" alt=\"Comprehensive Renovation Of The Can Modolell Tower And New Annexed Housing Development\" data-no-retina \/><\/a><\/div><div class=\"portfolio-entry-details entry-details wpex-clr\"><h2 class=\"portfolio-entry-title entry-title\"><a href=\"https:\/\/www.garciafaura.com\/en\/portfolio-item\/can-modolell-renovation\/\" title=\"Can Modolell renovation\">Can Modolell renovation<\/a><\/h2><div class=\"portfolio-entry-categories entry-categories wpex-clr\"><a href=\"https:\/\/www.garciafaura.com\/en\/portfolio-category\/redevelopment\/\" class=\"term-87\">Redevelopment<\/a><\/div><\/div><\/div><\/div><div class=\"portfolio-entry vcex-grid-item entry-has-details span_1_of_3 col col-3 vcex-isotope-entry vcex-no-margin-entry post-20117 entry type-portfolio has-media cat-76 translation_priority-15\"><div class=\"portfolio-entry-inner entry-inner wpex-clr\"><div class=\"portfolio-entry-media entry-media wpex-clr\"><a href=\"https:\/\/www.garciafaura.com\/wp-content\/uploads\/2018\/11\/Promocio\u0301-Viladecans-04.jpg\" title=\"Viladecans development\" class=\"portfolio-entry-media-link wpex-lightbox-gallery\" data-gallery=\"[{&quot;src&quot;:&quot;https:\\\/\\\/www.garciafaura.com\\\/wp-content\\\/uploads\\\/2018\\\/11\\\/Promocio\\u0301-Viladecans-04.jpg&quot;,&quot;title&quot;:&quot;Aluminium joinery and glazing works in a residential complex in the East sector of Viladecans&quot;},{&quot;src&quot;:&quot;https:\\\/\\\/www.garciafaura.com\\\/wp-content\\\/uploads\\\/2018\\\/11\\\/Promocio\\u0301-Viladecans-08.jpg&quot;,&quot;title&quot;:&quot;Treballs de fusteria d&#039;alumini i vidre en conjunt d&#039;habitatges al sector est de Viladecans&quot;},{&quot;src&quot;:&quot;https:\\\/\\\/www.garciafaura.com\\\/wp-content\\\/uploads\\\/2018\\\/11\\\/Promocio\\u0301-Viladecans-07.jpg&quot;,&quot;title&quot;:&quot;Treballs de fusteria d&#039;alumini i vidre en conjunt d&#039;habitatges al sector est de Viladecans&quot;},{&quot;src&quot;:&quot;https:\\\/\\\/www.garciafaura.com\\\/wp-content\\\/uploads\\\/2018\\\/11\\\/Promocio\\u0301-Viladecans-06.jpg&quot;,&quot;title&quot;:&quot;Treballs de fusteria d&#039;alumini i vidre en conjunt d&#039;habitatges al sector est de Viladecans&quot;},{&quot;src&quot;:&quot;https:\\\/\\\/www.garciafaura.com\\\/wp-content\\\/uploads\\\/2018\\\/11\\\/Promocio\\u0301-Viladecans-05.jpg&quot;,&quot;title&quot;:&quot;Treballs de fusteria d&#039;alumini i vidre en conjunt d&#039;habitatges al sector est de Viladecans&quot;},{&quot;src&quot;:&quot;https:\\\/\\\/www.garciafaura.com\\\/wp-content\\\/uploads\\\/2018\\\/11\\\/Promocio\\u0301-Viladecans-03.jpg&quot;,&quot;title&quot;:&quot;Treballs de fusteria d&#039;alumini i vidre en conjunt d&#039;habitatges al sector est de Viladecans&quot;},{&quot;src&quot;:&quot;https:\\\/\\\/www.garciafaura.com\\\/wp-content\\\/uploads\\\/2018\\\/11\\\/Promocio\\u0301-Viladecans-02.jpg&quot;,&quot;title&quot;:&quot;Treballs de fusteria d&#039;alumini i vidre en conjunt d&#039;habitatges al sector est de Viladecans&quot;},{&quot;src&quot;:&quot;https:\\\/\\\/www.garciafaura.com\\\/wp-content\\\/uploads\\\/2018\\\/11\\\/Promocio\\u0301-Viladecans-01.jpg&quot;,&quot;title&quot;:&quot;Treballs de fusteria d&#039;alumini i vidre en conjunt d&#039;habitatges al sector est de Viladecans&quot;}]\"><img decoding=\"async\" data-no-lazy=\"1\" class=\"portfolio-entry-img skip-lazy\" src=\"https:\/\/www.garciafaura.com\/wp-content\/uploads\/2018\/11\/Promocio\u0301-Viladecans-04-x.jpg\" alt=\"Aluminium Joinery And Glazing Works In A Residential Complex In The East Sector Of Viladecans\" data-no-retina \/><\/a><\/div><div class=\"portfolio-entry-details entry-details wpex-clr\"><h2 class=\"portfolio-entry-title entry-title\"><a href=\"https:\/\/www.garciafaura.com\/en\/portfolio-item\/viladecans-development\/\" title=\"Viladecans development\">Viladecans development<\/a><\/h2><div class=\"portfolio-entry-categories entry-categories wpex-clr\"><a href=\"https:\/\/www.garciafaura.com\/en\/portfolio-category\/residential-complexes\/\" class=\"term-76\">Residential complexes<\/a><\/div><\/div><\/div><\/div><div class=\"portfolio-entry vcex-grid-item entry-has-details span_1_of_3 col col-1 vcex-isotope-entry vcex-no-margin-entry post-20114 entry type-portfolio has-media cat-76 translation_priority-15\"><div class=\"portfolio-entry-inner entry-inner wpex-clr\"><div class=\"portfolio-entry-media entry-media wpex-clr\"><a href=\"https:\/\/www.garciafaura.com\/wp-content\/uploads\/2018\/11\/Promocio\u0301-Sant-Pere-Ribes-01.jpg\" title=\"Sant Pere de Ribes development\" class=\"portfolio-entry-media-link wpex-lightbox-gallery\" data-gallery=\"[{&quot;src&quot;:&quot;https:\\\/\\\/www.garciafaura.com\\\/wp-content\\\/uploads\\\/2018\\\/11\\\/Promocio\\u0301-Sant-Pere-Ribes-01.jpg&quot;,&quot;title&quot;:&quot;Aluminium joinery works in a public housing development&quot;},{&quot;src&quot;:&quot;https:\\\/\\\/www.garciafaura.com\\\/wp-content\\\/uploads\\\/2018\\\/11\\\/Promocio\\u0301-Sant-Pere-Ribes-05.jpg&quot;,&quot;title&quot;:&quot;Treballs de fusteria d&#039;alumini en promoci\\u00f3 d&#039;habitatge p\\u00fablic&quot;},{&quot;src&quot;:&quot;https:\\\/\\\/www.garciafaura.com\\\/wp-content\\\/uploads\\\/2018\\\/11\\\/Promocio\\u0301-Sant-Pere-Ribes-04.jpg&quot;,&quot;title&quot;:&quot;Treballs de fusteria d&#039;alumini en promoci\\u00f3 d&#039;habitatge p\\u00fablic&quot;},{&quot;src&quot;:&quot;https:\\\/\\\/www.garciafaura.com\\\/wp-content\\\/uploads\\\/2018\\\/11\\\/Promocio\\u0301-Sant-Pere-Ribes-03.jpg&quot;,&quot;title&quot;:&quot;Treballs de fusteria d&#039;alumini en promoci\\u00f3 d&#039;habitatge p\\u00fablic&quot;},{&quot;src&quot;:&quot;https:\\\/\\\/www.garciafaura.com\\\/wp-content\\\/uploads\\\/2018\\\/11\\\/Promocio\\u0301-Sant-Pere-Ribes-02.jpg&quot;,&quot;title&quot;:&quot;Treballs de fusteria d&#039;alumini en promoci\\u00f3 d&#039;habitatge p\\u00fablic&quot;}]\"><img decoding=\"async\" data-no-lazy=\"1\" class=\"portfolio-entry-img skip-lazy\" src=\"https:\/\/www.garciafaura.com\/wp-content\/uploads\/2018\/11\/Promocio\u0301-Sant-Pere-Ribes-01-x.jpg\" alt=\"Aluminium Joinery Works In A Public Housing Development\" data-no-retina \/><\/a><\/div><div class=\"portfolio-entry-details entry-details wpex-clr\"><h2 class=\"portfolio-entry-title entry-title\"><a href=\"https:\/\/www.garciafaura.com\/en\/portfolio-item\/sant-pere-de-ribes-development\/\" title=\"Sant Pere de Ribes development\">Sant Pere de Ribes development<\/a><\/h2><div class=\"portfolio-entry-categories entry-categories wpex-clr\"><a href=\"https:\/\/www.garciafaura.com\/en\/portfolio-category\/residential-complexes\/\" class=\"term-76\">Residential complexes<\/a><\/div><\/div><\/div><\/div><div class=\"portfolio-entry vcex-grid-item entry-has-details span_1_of_3 col col-2 vcex-isotope-entry vcex-no-margin-entry post-20113 entry type-portfolio has-media cat-76 translation_priority-15\"><div class=\"portfolio-entry-inner entry-inner wpex-clr\"><div class=\"portfolio-entry-media entry-media wpex-clr\"><a href=\"https:\/\/www.garciafaura.com\/wp-content\/uploads\/2018\/11\/Urbanitzacio\u0301-Can-Llovera-01.jpg\" title=\"Can Lloveras housing development\" class=\"portfolio-entry-media-link wpex-lightbox-gallery\" data-gallery=\"[{&quot;src&quot;:&quot;https:\\\/\\\/www.garciafaura.com\\\/wp-content\\\/uploads\\\/2018\\\/11\\\/Urbanitzacio\\u0301-Can-Llovera-01.jpg&quot;,&quot;title&quot;:&quot;Fabrication and installation of enclosures in single-family residences in Sant Feliu de Llobregat&quot;},{&quot;src&quot;:&quot;https:\\\/\\\/www.garciafaura.com\\\/wp-content\\\/uploads\\\/2018\\\/11\\\/Urbanitzacio\\u0301-Can-Llovera-13.jpg&quot;,&quot;title&quot;:&quot;Fabricaci\\u00f3 i instal\\u00b7laci\\u00f3 de tancaments en habitatges unifamiliars de Sant Feliu de Llobregat&quot;},{&quot;src&quot;:&quot;https:\\\/\\\/www.garciafaura.com\\\/wp-content\\\/uploads\\\/2018\\\/11\\\/Urbanitzacio\\u0301-Can-Llovera-12.jpg&quot;,&quot;title&quot;:&quot;Fabricaci\\u00f3 i instal\\u00b7laci\\u00f3 de tancaments en habitatges unifamiliars de Sant Feliu de Llobregat&quot;},{&quot;src&quot;:&quot;https:\\\/\\\/www.garciafaura.com\\\/wp-content\\\/uploads\\\/2018\\\/11\\\/Urbanitzacio\\u0301-Can-Llovera-11.jpg&quot;,&quot;title&quot;:&quot;Fabricaci\\u00f3 i instal\\u00b7laci\\u00f3 de tancaments en habitatges unifamiliars de Sant Feliu de Llobregat&quot;},{&quot;src&quot;:&quot;https:\\\/\\\/www.garciafaura.com\\\/wp-content\\\/uploads\\\/2018\\\/11\\\/Urbanitzacio\\u0301-Can-Llovera-10.jpg&quot;,&quot;title&quot;:&quot;Fabricaci\\u00f3 i instal\\u00b7laci\\u00f3 de tancaments en habitatges unifamiliars de Sant Feliu de Llobregat&quot;},{&quot;src&quot;:&quot;https:\\\/\\\/www.garciafaura.com\\\/wp-content\\\/uploads\\\/2018\\\/11\\\/Urbanitzacio\\u0301-Can-Llovera-09.jpg&quot;,&quot;title&quot;:&quot;Fabricaci\\u00f3 i instal\\u00b7laci\\u00f3 de tancaments en habitatges unifamiliars de Sant Feliu de Llobregat&quot;},{&quot;src&quot;:&quot;https:\\\/\\\/www.garciafaura.com\\\/wp-content\\\/uploads\\\/2018\\\/11\\\/Urbanitzacio\\u0301-Can-Llovera-08.jpg&quot;,&quot;title&quot;:&quot;Fabricaci\\u00f3 i instal\\u00b7laci\\u00f3 de tancaments en habitatges unifamiliars de Sant Feliu de Llobregat&quot;},{&quot;src&quot;:&quot;https:\\\/\\\/www.garciafaura.com\\\/wp-content\\\/uploads\\\/2018\\\/11\\\/Urbanitzacio\\u0301-Can-Llovera-07.jpg&quot;,&quot;title&quot;:&quot;Fabricaci\\u00f3 i instal\\u00b7laci\\u00f3 de tancaments en habitatges unifamiliars de Sant Feliu de Llobregat&quot;},{&quot;src&quot;:&quot;https:\\\/\\\/www.garciafaura.com\\\/wp-content\\\/uploads\\\/2018\\\/11\\\/Urbanitzacio\\u0301-Can-Llovera-06.jpg&quot;,&quot;title&quot;:&quot;Fabricaci\\u00f3 i instal\\u00b7laci\\u00f3 de tancaments en habitatges unifamiliars de Sant Feliu de Llobregat&quot;},{&quot;src&quot;:&quot;https:\\\/\\\/www.garciafaura.com\\\/wp-content\\\/uploads\\\/2018\\\/11\\\/Urbanitzacio\\u0301-Can-Llovera-04.jpg&quot;,&quot;title&quot;:&quot;Fabricaci\\u00f3 i instal\\u00b7laci\\u00f3 de tancaments en habitatges unifamiliars de Sant Feliu de Llobregat&quot;},{&quot;src&quot;:&quot;https:\\\/\\\/www.garciafaura.com\\\/wp-content\\\/uploads\\\/2018\\\/11\\\/Urbanitzacio\\u0301-Can-Llovera-05.jpg&quot;,&quot;title&quot;:&quot;Fabricaci\\u00f3 i instal\\u00b7laci\\u00f3 de tancaments en habitatges unifamiliars de Sant Feliu de Llobregat&quot;},{&quot;src&quot;:&quot;https:\\\/\\\/www.garciafaura.com\\\/wp-content\\\/uploads\\\/2018\\\/11\\\/Urbanitzacio\\u0301-Can-Llovera-03.jpg&quot;,&quot;title&quot;:&quot;Fabricaci\\u00f3 i instal\\u00b7laci\\u00f3 de tancaments en habitatges unifamiliars de Sant Feliu de Llobregat&quot;},{&quot;src&quot;:&quot;https:\\\/\\\/www.garciafaura.com\\\/wp-content\\\/uploads\\\/2018\\\/11\\\/Urbanitzacio\\u0301-Can-Llovera-02.jpg&quot;,&quot;title&quot;:&quot;Fabricaci\\u00f3 i instal\\u00b7laci\\u00f3 de tancaments en habitatges unifamiliars de Sant Feliu de Llobregat&quot;}]\"><img decoding=\"async\" data-no-lazy=\"1\" class=\"portfolio-entry-img skip-lazy\" src=\"https:\/\/www.garciafaura.com\/wp-content\/uploads\/2018\/11\/Urbanitzacio\u0301-Can-Llovera-01-x.jpg\" alt=\"Fabrication And Installation Of Enclosures In Single-family Residences In Sant Feliu De Llobregat\" data-no-retina \/><\/a><\/div><div class=\"portfolio-entry-details entry-details wpex-clr\"><h2 class=\"portfolio-entry-title entry-title\"><a href=\"https:\/\/www.garciafaura.com\/en\/portfolio-item\/can-lloveras-housing-development\/\" title=\"Can Lloveras housing development\">Can Lloveras housing development<\/a><\/h2><div class=\"portfolio-entry-categories entry-categories wpex-clr\"><a href=\"https:\/\/www.garciafaura.com\/en\/portfolio-category\/residential-complexes\/\" class=\"term-76\">Residential complexes<\/a><\/div><\/div><\/div><\/div><div class=\"portfolio-entry vcex-grid-item entry-has-details span_1_of_3 col col-3 vcex-isotope-entry vcex-no-margin-entry post-20109 entry type-portfolio has-media cat-76 translation_priority-15\"><div class=\"portfolio-entry-inner entry-inner wpex-clr\"><div class=\"portfolio-entry-media entry-media wpex-clr\"><a href=\"https:\/\/www.garciafaura.com\/wp-content\/uploads\/2018\/11\/Residencial-Eixample-Mar-Vilanova-01.jpg\" title=\"Eixample Mar residential development\" class=\"portfolio-entry-media-link wpex-lightbox-gallery\" data-gallery=\"[{&quot;src&quot;:&quot;https:\\\/\\\/www.garciafaura.com\\\/wp-content\\\/uploads\\\/2018\\\/11\\\/Residencial-Eixample-Mar-Vilanova-01.jpg&quot;,&quot;title&quot;:&quot;Set of interior and exterior enclosures in the new residential sector of Vilanova i la Geltr\\u00fa&quot;},{&quot;src&quot;:&quot;https:\\\/\\\/www.garciafaura.com\\\/wp-content\\\/uploads\\\/2018\\\/11\\\/Residencial-Eixample-Mar-Vilanova-11.jpg&quot;,&quot;title&quot;:&quot;Conjunt de tancaments interiors i exteriors al nou sector residencial de Vilanova i la Geltr\\u00fa&quot;},{&quot;src&quot;:&quot;https:\\\/\\\/www.garciafaura.com\\\/wp-content\\\/uploads\\\/2018\\\/11\\\/Residencial-Eixample-Mar-Vilanova-10.jpg&quot;,&quot;title&quot;:&quot;Conjunt de tancaments interiors i exteriors al nou sector residencial de Vilanova i la Geltr\\u00fa&quot;},{&quot;src&quot;:&quot;https:\\\/\\\/www.garciafaura.com\\\/wp-content\\\/uploads\\\/2018\\\/11\\\/Residencial-Eixample-Mar-Vilanova-09.jpg&quot;,&quot;title&quot;:&quot;Conjunt de tancaments interiors i exteriors al nou sector residencial de Vilanova i la Geltr\\u00fa&quot;},{&quot;src&quot;:&quot;https:\\\/\\\/www.garciafaura.com\\\/wp-content\\\/uploads\\\/2018\\\/11\\\/Residencial-Eixample-Mar-Vilanova-08.jpg&quot;,&quot;title&quot;:&quot;Conjunt de tancaments interiors i exteriors al nou sector residencial de Vilanova i la Geltr\\u00fa&quot;},{&quot;src&quot;:&quot;https:\\\/\\\/www.garciafaura.com\\\/wp-content\\\/uploads\\\/2018\\\/11\\\/Residencial-Eixample-Mar-Vilanova-07.jpg&quot;,&quot;title&quot;:&quot;Conjunt de tancaments interiors i exteriors al nou sector residencial de Vilanova i la Geltr\\u00fa&quot;},{&quot;src&quot;:&quot;https:\\\/\\\/www.garciafaura.com\\\/wp-content\\\/uploads\\\/2018\\\/11\\\/Residencial-Eixample-Mar-Vilanova-06.jpg&quot;,&quot;title&quot;:&quot;Conjunt de tancaments interiors i exteriors al nou sector residencial de Vilanova i la Geltr\\u00fa&quot;},{&quot;src&quot;:&quot;https:\\\/\\\/www.garciafaura.com\\\/wp-content\\\/uploads\\\/2018\\\/11\\\/Residencial-Eixample-Mar-Vilanova-05.jpg&quot;,&quot;title&quot;:&quot;Conjunt de tancaments interiors i exteriors al nou sector residencial de Vilanova i la Geltr\\u00fa&quot;},{&quot;src&quot;:&quot;https:\\\/\\\/www.garciafaura.com\\\/wp-content\\\/uploads\\\/2018\\\/11\\\/Residencial-Eixample-Mar-Vilanova-04.jpg&quot;,&quot;title&quot;:&quot;Conjunt de tancaments interiors i exteriors al nou sector residencial de Vilanova i la Geltr\\u00fa&quot;},{&quot;src&quot;:&quot;https:\\\/\\\/www.garciafaura.com\\\/wp-content\\\/uploads\\\/2018\\\/11\\\/Residencial-Eixample-Mar-Vilanova-03.jpg&quot;,&quot;title&quot;:&quot;Conjunt de tancaments interiors i exteriors al nou sector residencial de Vilanova i la Geltr\\u00fa&quot;},{&quot;src&quot;:&quot;https:\\\/\\\/www.garciafaura.com\\\/wp-content\\\/uploads\\\/2018\\\/11\\\/Residencial-Eixample-Mar-Vilanova-02.jpg&quot;,&quot;title&quot;:&quot;Conjunt de tancaments interiors i exteriors al nou sector residencial de Vilanova i la Geltr\\u00fa&quot;}]\"><img decoding=\"async\" data-no-lazy=\"1\" class=\"portfolio-entry-img skip-lazy\" src=\"https:\/\/www.garciafaura.com\/wp-content\/uploads\/2018\/11\/Residencial-Eixample-Mar-Vilanova-01-x.jpg\" alt=\"Set Of Interior And Exterior Enclosures In The New Residential Sector Of Vilanova I La Geltr\u00fa\" data-no-retina \/><\/a><\/div><div class=\"portfolio-entry-details entry-details wpex-clr\"><h2 class=\"portfolio-entry-title entry-title\"><a href=\"https:\/\/www.garciafaura.com\/en\/portfolio-item\/eixample-mar-residential-development\/\" title=\"Eixample Mar residential development\">Eixample Mar residential development<\/a><\/h2><div class=\"portfolio-entry-categories entry-categories wpex-clr\"><a href=\"https:\/\/www.garciafaura.com\/en\/portfolio-category\/residential-complexes\/\" class=\"term-76\">Residential complexes<\/a><\/div><\/div><\/div><\/div><div class=\"portfolio-entry vcex-grid-item entry-has-details span_1_of_3 col col-1 vcex-isotope-entry vcex-no-margin-entry post-20106 entry type-portfolio has-media cat-76 translation_priority-15\"><div class=\"portfolio-entry-inner entry-inner wpex-clr\"><div class=\"portfolio-entry-media entry-media wpex-clr\"><a href=\"https:\/\/www.garciafaura.com\/wp-content\/uploads\/2018\/11\/Promocio\u0301-Can-Bellet-01.jpg\" title=\"Can Bellet development\" class=\"portfolio-entry-media-link wpex-lightbox-gallery\" data-gallery=\"[{&quot;src&quot;:&quot;https:\\\/\\\/www.garciafaura.com\\\/wp-content\\\/uploads\\\/2018\\\/11\\\/Promocio\\u0301-Can-Bellet-01.jpg&quot;,&quot;title&quot;:&quot;Interior and exterior enclosures for the set of residences in the residential block&quot;},{&quot;src&quot;:&quot;https:\\\/\\\/www.garciafaura.com\\\/wp-content\\\/uploads\\\/2018\\\/11\\\/Promocio\\u0301-Can-Bellet-03.jpg&quot;,&quot;title&quot;:&quot;Tancaments interiors i exteriors del conjunt de vivendes d&#039;aquest bloc residencial&quot;},{&quot;src&quot;:&quot;https:\\\/\\\/www.garciafaura.com\\\/wp-content\\\/uploads\\\/2018\\\/11\\\/Promocio\\u0301-Can-Bellet-02.jpg&quot;,&quot;title&quot;:&quot;Tancaments interiors i exteriors del conjunt de vivendes d&#039;aquest bloc residencial&quot;}]\"><img decoding=\"async\" data-no-lazy=\"1\" class=\"portfolio-entry-img skip-lazy\" src=\"https:\/\/www.garciafaura.com\/wp-content\/uploads\/2018\/11\/Promocio\u0301-Can-Bellet-01-x.jpg\" alt=\"Interior And Exterior Enclosures For The Set Of Residences In The Residential Block\" data-no-retina \/><\/a><\/div><div class=\"portfolio-entry-details entry-details wpex-clr\"><h2 class=\"portfolio-entry-title entry-title\"><a href=\"https:\/\/www.garciafaura.com\/en\/portfolio-item\/can-bellet-development\/\" title=\"Can Bellet development\">Can Bellet development<\/a><\/h2><div class=\"portfolio-entry-categories entry-categories wpex-clr\"><a href=\"https:\/\/www.garciafaura.com\/en\/portfolio-category\/residential-complexes\/\" class=\"term-76\">Residential complexes<\/a><\/div><\/div><\/div><\/div><div class=\"portfolio-entry vcex-grid-item entry-has-details span_1_of_3 col col-2 vcex-isotope-entry vcex-no-margin-entry post-20103 entry type-portfolio has-media cat-87 cat-76 translation_priority-15\"><div class=\"portfolio-entry-inner entry-inner wpex-clr\"><div class=\"portfolio-entry-media entry-media wpex-clr\"><a href=\"https:\/\/www.garciafaura.com\/wp-content\/uploads\/2018\/11\/PasseigGracia.jpg\" title=\"Paseo de Gr\u00e0cia building renovation\" class=\"portfolio-entry-media-link wpex-lightbox-gallery\" data-gallery=\"[{&quot;src&quot;:&quot;https:\\\/\\\/www.garciafaura.com\\\/wp-content\\\/uploads\\\/2018\\\/11\\\/PasseigGracia.jpg&quot;},{&quot;src&quot;:&quot;https:\\\/\\\/www.garciafaura.com\\\/wp-content\\\/uploads\\\/2018\\\/11\\\/Rehabilitacio\\u0301-Passeig-de-Gra\\u0300cia-06.jpg&quot;,&quot;title&quot;:&quot;Tancaments exteriors\\u00a0i fa\\u00e7ana posterior d&#039;edifici hist\\u00f2ric\\u00a0en el\\u00a0centre de Barcelona&quot;},{&quot;src&quot;:&quot;https:\\\/\\\/www.garciafaura.com\\\/wp-content\\\/uploads\\\/2018\\\/11\\\/Rehabilitacio\\u0301-Passeig-de-Gra\\u0300cia-05.jpg&quot;,&quot;title&quot;:&quot;Tancaments exteriors\\u00a0i fa\\u00e7ana posterior d&#039;edifici hist\\u00f2ric\\u00a0en el\\u00a0centre de Barcelona&quot;},{&quot;src&quot;:&quot;https:\\\/\\\/www.garciafaura.com\\\/wp-content\\\/uploads\\\/2018\\\/11\\\/Rehabilitacio\\u0301-Passeig-de-Gra\\u0300cia-04.jpg&quot;,&quot;title&quot;:&quot;Tancaments exteriors\\u00a0i fa\\u00e7ana posterior d&#039;edifici hist\\u00f2ric\\u00a0en el\\u00a0centre de Barcelona&quot;},{&quot;src&quot;:&quot;https:\\\/\\\/www.garciafaura.com\\\/wp-content\\\/uploads\\\/2018\\\/11\\\/Rehabilitacio\\u0301-Passeig-de-Gra\\u0300cia-03.jpg&quot;,&quot;title&quot;:&quot;Tancaments exteriors\\u00a0i fa\\u00e7ana posterior d&#039;edifici hist\\u00f2ric\\u00a0en el\\u00a0centre de Barcelona&quot;},{&quot;src&quot;:&quot;https:\\\/\\\/www.garciafaura.com\\\/wp-content\\\/uploads\\\/2018\\\/11\\\/Rehabilitacio\\u0301-Passeig-de-Gra\\u0300cia-02.jpg&quot;,&quot;title&quot;:&quot;Tancaments exteriors\\u00a0i fa\\u00e7ana posterior d&#039;edifici hist\\u00f2ric\\u00a0en el\\u00a0centre de Barcelona&quot;},{&quot;src&quot;:&quot;https:\\\/\\\/www.garciafaura.com\\\/wp-content\\\/uploads\\\/2018\\\/11\\\/Rehabilitacio\\u0301-Passeig-de-Gra\\u0300cia-01.jpg&quot;,&quot;title&quot;:&quot;Tancaments exteriors\\u00a0i fa\\u00e7ana posterior d&#039;edifici hist\\u00f2ric\\u00a0en el\\u00a0centre de Barcelona&quot;}]\"><img loading=\"lazy\" decoding=\"async\" data-no-lazy=\"1\" class=\"portfolio-entry-img skip-lazy\" src=\"https:\/\/www.garciafaura.com\/wp-content\/uploads\/2018\/11\/PasseigGracia-600x314.jpg\" alt='' data-no-retina width=\"600\" height=\"314\" \/><\/a><\/div><div class=\"portfolio-entry-details entry-details wpex-clr\"><h2 class=\"portfolio-entry-title entry-title\"><a href=\"https:\/\/www.garciafaura.com\/en\/portfolio-item\/paseo-de-gracia-building-renovation\/\" title=\"Paseo de Gr\u00e0cia building renovation\">Paseo de Gr\u00e0cia building renovation<\/a><\/h2><div class=\"portfolio-entry-categories entry-categories wpex-clr\"><a href=\"https:\/\/www.garciafaura.com\/en\/portfolio-category\/redevelopment\/\" class=\"term-87\">Redevelopment<\/a><\/div><\/div><\/div><\/div><div class=\"portfolio-entry vcex-grid-item entry-has-details span_1_of_3 col col-3 vcex-isotope-entry vcex-no-margin-entry post-20101 entry type-portfolio has-media cat-76 translation_priority-15\"><div class=\"portfolio-entry-inner entry-inner wpex-clr\"><div class=\"portfolio-entry-media entry-media wpex-clr\"><a href=\"https:\/\/www.garciafaura.com\/wp-content\/uploads\/2018\/11\/Residencial-Cunit-02.jpg\" title=\"Cunit residential complex\" class=\"portfolio-entry-media-link wpex-lightbox-gallery\" data-gallery=\"[{&quot;src&quot;:&quot;https:\\\/\\\/www.garciafaura.com\\\/wp-content\\\/uploads\\\/2018\\\/11\\\/Residencial-Cunit-01.jpg&quot;,&quot;title&quot;:&quot;Treballs de fusteria d&#039;alumini i vidre en conjunt d&#039;habitatges plurifamiliars&quot;},{&quot;src&quot;:&quot;https:\\\/\\\/www.garciafaura.com\\\/wp-content\\\/uploads\\\/2018\\\/11\\\/Residencial-Cunit-06.jpg&quot;,&quot;title&quot;:&quot;Treballs de fusteria d&#039;alumini i vidre en conjunt d&#039;habitatges plurifamiliars&quot;},{&quot;src&quot;:&quot;https:\\\/\\\/www.garciafaura.com\\\/wp-content\\\/uploads\\\/2018\\\/11\\\/Residencial-Cunit-05.jpg&quot;,&quot;title&quot;:&quot;Treballs de fusteria d&#039;alumini i vidre en conjunt d&#039;habitatges plurifamiliars&quot;},{&quot;src&quot;:&quot;https:\\\/\\\/www.garciafaura.com\\\/wp-content\\\/uploads\\\/2018\\\/11\\\/Residencial-Cunit-04.jpg&quot;,&quot;title&quot;:&quot;Treballs de fusteria d&#039;alumini i vidre en conjunt d&#039;habitatges plurifamiliars&quot;},{&quot;src&quot;:&quot;https:\\\/\\\/www.garciafaura.com\\\/wp-content\\\/uploads\\\/2018\\\/11\\\/Residencial-Cunit-03.jpg&quot;,&quot;title&quot;:&quot;Treballs de fusteria d&#039;alumini i vidre en conjunt d&#039;habitatges plurifamiliars&quot;},{&quot;src&quot;:&quot;https:\\\/\\\/www.garciafaura.com\\\/wp-content\\\/uploads\\\/2018\\\/11\\\/Residencial-Cunit-02.jpg&quot;,&quot;title&quot;:&quot;Aluminium joinery works and glazing in a multi-family residential complex&quot;}]\"><img decoding=\"async\" data-no-lazy=\"1\" class=\"portfolio-entry-img skip-lazy\" src=\"https:\/\/www.garciafaura.com\/wp-content\/uploads\/2018\/11\/Residencial-Cunit-02-x.jpg\" alt=\"Aluminium Joinery Works And Glazing In A Multi-family Residential Complex\" data-no-retina \/><\/a><\/div><div class=\"portfolio-entry-details entry-details wpex-clr\"><h2 class=\"portfolio-entry-title entry-title\"><a href=\"https:\/\/www.garciafaura.com\/en\/portfolio-item\/cunit-residential-complex\/\" title=\"Cunit residential complex\">Cunit residential complex<\/a><\/h2><div class=\"portfolio-entry-categories entry-categories wpex-clr\"><a href=\"https:\/\/www.garciafaura.com\/en\/portfolio-category\/residential-complexes\/\" class=\"term-76\">Residential complexes<\/a><\/div><\/div><\/div><\/div><div class=\"portfolio-entry vcex-grid-item entry-has-details span_1_of_3 col col-1 vcex-isotope-entry vcex-no-margin-entry post-20100 entry type-portfolio has-media cat-76 translation_priority-15\"><div class=\"portfolio-entry-inner entry-inner wpex-clr\"><div class=\"portfolio-entry-media entry-media wpex-clr\"><a href=\"https:\/\/www.garciafaura.com\/wp-content\/uploads\/2018\/11\/Urbanitzacio-Mas-Lluhi.jpg\" title=\"Mas Lluh\u00ed housing development\" class=\"portfolio-entry-media-link wpex-lightbox-gallery\" data-gallery=\"[{&quot;src&quot;:&quot;https:\\\/\\\/www.garciafaura.com\\\/wp-content\\\/uploads\\\/2018\\\/11\\\/Urbanitzacio-Mas-Lluhi.jpg&quot;}]\"><img decoding=\"async\" data-no-lazy=\"1\" class=\"portfolio-entry-img skip-lazy\" src=\"https:\/\/www.garciafaura.com\/wp-content\/uploads\/2018\/11\/Urbanitzacio-Mas-Lluhi-x.jpg\" alt='' data-no-retina \/><\/a><\/div><div class=\"portfolio-entry-details entry-details wpex-clr\"><h2 class=\"portfolio-entry-title entry-title\"><a href=\"https:\/\/www.garciafaura.com\/en\/portfolio-item\/mas-lluhi-housing-development\/\" title=\"Mas Lluh\u00ed housing development\">Mas Lluh\u00ed housing development<\/a><\/h2><div class=\"portfolio-entry-categories entry-categories wpex-clr\"><a href=\"https:\/\/www.garciafaura.com\/en\/portfolio-category\/residential-complexes\/\" class=\"term-76\">Residential complexes<\/a><\/div><\/div><\/div><\/div><div class=\"portfolio-entry vcex-grid-item entry-has-details span_1_of_3 col col-2 vcex-isotope-entry vcex-no-margin-entry post-20085 entry type-portfolio has-media cat-86 cat-76 translation_priority-15\"><div class=\"portfolio-entry-inner entry-inner wpex-clr\"><div class=\"portfolio-entry-media entry-media wpex-clr\"><a href=\"https:\/\/www.garciafaura.com\/wp-content\/uploads\/2018\/12\/Promocio\u0301-Mataro\u0301-carrer-Tordera-02.jpg\" title=\"Tordera Matar\u00f3 development\" class=\"portfolio-entry-media-link wpex-lightbox-gallery\" data-gallery=\"[{&quot;src&quot;:&quot;https:\\\/\\\/www.garciafaura.com\\\/wp-content\\\/uploads\\\/2018\\\/12\\\/Promocio\\u0301-Mataro\\u0301-carrer-Tordera-01.jpg&quot;,&quot;title&quot;:&quot;Tancaments d&#039;alumini en promoci\\u00f3 de 60 habitatges a Matar\\u00f3&quot;},{&quot;src&quot;:&quot;https:\\\/\\\/www.garciafaura.com\\\/wp-content\\\/uploads\\\/2018\\\/12\\\/Promocio\\u0301-Mataro\\u0301-carrer-Tordera-09.jpg&quot;,&quot;title&quot;:&quot;Tancaments d&#039;alumini en promoci\\u00f3 de 60 habitatges a Matar\\u00f3&quot;},{&quot;src&quot;:&quot;https:\\\/\\\/www.garciafaura.com\\\/wp-content\\\/uploads\\\/2018\\\/12\\\/Promocio\\u0301-Mataro\\u0301-carrer-Tordera-08.jpg&quot;,&quot;title&quot;:&quot;Tancaments d&#039;alumini en promoci\\u00f3 de 60 habitatges a Matar\\u00f3&quot;},{&quot;src&quot;:&quot;https:\\\/\\\/www.garciafaura.com\\\/wp-content\\\/uploads\\\/2018\\\/12\\\/Promocio\\u0301-Mataro\\u0301-carrer-Tordera-07.jpg&quot;,&quot;title&quot;:&quot;Tancaments d&#039;alumini en promoci\\u00f3 de 60 habitatges a Matar\\u00f3&quot;},{&quot;src&quot;:&quot;https:\\\/\\\/www.garciafaura.com\\\/wp-content\\\/uploads\\\/2018\\\/12\\\/Promocio\\u0301-Mataro\\u0301-carrer-Tordera-06.jpg&quot;,&quot;title&quot;:&quot;Tancaments d&#039;alumini en promoci\\u00f3 de 60 habitatges a Matar\\u00f3&quot;},{&quot;src&quot;:&quot;https:\\\/\\\/www.garciafaura.com\\\/wp-content\\\/uploads\\\/2018\\\/12\\\/Promocio\\u0301-Mataro\\u0301-carrer-Tordera-05.jpg&quot;,&quot;title&quot;:&quot;Tancaments d&#039;alumini en promoci\\u00f3 de 60 habitatges a Matar\\u00f3&quot;},{&quot;src&quot;:&quot;https:\\\/\\\/www.garciafaura.com\\\/wp-content\\\/uploads\\\/2018\\\/12\\\/Promocio\\u0301-Mataro\\u0301-carrer-Tordera-04.jpg&quot;,&quot;title&quot;:&quot;Tancaments d&#039;alumini en promoci\\u00f3 de 60 habitatges a Matar\\u00f3&quot;},{&quot;src&quot;:&quot;https:\\\/\\\/www.garciafaura.com\\\/wp-content\\\/uploads\\\/2018\\\/12\\\/Promocio\\u0301-Mataro\\u0301-carrer-Tordera-03.jpg&quot;,&quot;title&quot;:&quot;Tancaments d&#039;alumini en promoci\\u00f3 de 60 habitatges a Matar\\u00f3&quot;},{&quot;src&quot;:&quot;https:\\\/\\\/www.garciafaura.com\\\/wp-content\\\/uploads\\\/2018\\\/12\\\/Promocio\\u0301-Mataro\\u0301-carrer-Tordera-02.jpg&quot;,&quot;title&quot;:&quot;Aluminium enclosures for the 60-residence development in Matar\\u00f3&quot;}]\"><img loading=\"lazy\" decoding=\"async\" data-no-lazy=\"1\" class=\"portfolio-entry-img skip-lazy\" src=\"https:\/\/www.garciafaura.com\/wp-content\/uploads\/2018\/12\/Promocio\u0301-Mataro\u0301-carrer-Tordera-02-600x314.jpg\" alt=\"Aluminium Enclosures For The 60-residence Development In Matar\u00f3\" data-no-retina width=\"600\" height=\"314\" \/><\/a><\/div><div class=\"portfolio-entry-details entry-details wpex-clr\"><h2 class=\"portfolio-entry-title entry-title\"><a href=\"https:\/\/www.garciafaura.com\/en\/portfolio-item\/tordera-mataro-development\/\" title=\"Tordera Matar\u00f3 development\">Tordera Matar\u00f3 development<\/a><\/h2><div class=\"portfolio-entry-categories entry-categories wpex-clr\"><a href=\"https:\/\/www.garciafaura.com\/en\/portfolio-category\/destacat-residential-complexes\/\" class=\"term-86\">Destacat residential complexes<\/a><\/div><\/div><\/div><\/div><div class=\"portfolio-entry vcex-grid-item entry-has-details span_1_of_3 col col-3 vcex-isotope-entry vcex-no-margin-entry post-20084 entry type-portfolio has-media cat-76 translation_priority-15\"><div class=\"portfolio-entry-inner entry-inner wpex-clr\"><div class=\"portfolio-entry-media entry-media wpex-clr\"><a href=\"https:\/\/www.garciafaura.com\/wp-content\/uploads\/2018\/12\/Promocio\u0301-Hospitalet-Prat-de-la-Riba-02.jpg\" title=\"Prat de la Riba L&#8217;Hospitalet development\" class=\"portfolio-entry-media-link wpex-lightbox-gallery\" data-gallery=\"[{&quot;src&quot;:&quot;https:\\\/\\\/www.garciafaura.com\\\/wp-content\\\/uploads\\\/2018\\\/12\\\/Promocio\\u0301-Hospitalet-Prat-de-la-Riba-02.jpg&quot;,&quot;title&quot;:&quot;Aluminium and glazed enclosures for the residential development in L&#039;Hospitalet de Llobregat.&quot;},{&quot;src&quot;:&quot;https:\\\/\\\/www.garciafaura.com\\\/wp-content\\\/uploads\\\/2018\\\/12\\\/Promocio\\u0301-Hospitalet-Prat-de-la-Riba-07.jpg&quot;,&quot;title&quot;:&quot;Tancaments d&#039;alumini i vidre per a promoci\\u00f3 residencial a l&#039;Hospitalet&quot;},{&quot;src&quot;:&quot;https:\\\/\\\/www.garciafaura.com\\\/wp-content\\\/uploads\\\/2018\\\/12\\\/Promocio\\u0301-Hospitalet-Prat-de-la-Riba-06.jpg&quot;,&quot;title&quot;:&quot;Tancaments d&#039;alumini i vidre per a promoci\\u00f3 residencial a l&#039;Hospitalet&quot;},{&quot;src&quot;:&quot;https:\\\/\\\/www.garciafaura.com\\\/wp-content\\\/uploads\\\/2018\\\/12\\\/Promocio\\u0301-Hospitalet-Prat-de-la-Riba-05.jpg&quot;,&quot;title&quot;:&quot;Tancaments d&#039;alumini i vidre per a promoci\\u00f3 residencial a l&#039;Hospitalet&quot;},{&quot;src&quot;:&quot;https:\\\/\\\/www.garciafaura.com\\\/wp-content\\\/uploads\\\/2018\\\/12\\\/Promocio\\u0301-Hospitalet-Prat-de-la-Riba-04.jpg&quot;,&quot;title&quot;:&quot;Tancaments d&#039;alumini i vidre per a promoci\\u00f3 residencial a l&#039;Hospitalet&quot;},{&quot;src&quot;:&quot;https:\\\/\\\/www.garciafaura.com\\\/wp-content\\\/uploads\\\/2018\\\/12\\\/Promocio\\u0301-Hospitalet-Prat-de-la-Riba-03.jpg&quot;,&quot;title&quot;:&quot;Tancaments d&#039;alumini i vidre per a promoci\\u00f3 residencial a l&#039;Hospitalet&quot;},{&quot;src&quot;:&quot;https:\\\/\\\/www.garciafaura.com\\\/wp-content\\\/uploads\\\/2018\\\/12\\\/Promocio\\u0301-Hospitalet-Prat-de-la-Riba-01.jpg&quot;,&quot;title&quot;:&quot;Tancaments d&#039;alumini i vidre per a promoci\\u00f3 residencial a l&#039;Hospitalet&quot;}]\"><img loading=\"lazy\" decoding=\"async\" data-no-lazy=\"1\" class=\"portfolio-entry-img skip-lazy\" src=\"https:\/\/www.garciafaura.com\/wp-content\/uploads\/2018\/12\/Promocio\u0301-Hospitalet-Prat-de-la-Riba-02-600x314.jpg\" alt=\"Aluminium And Glazed Enclosures For The Residential Development In L'Hospitalet De Llobregat.\" data-no-retina width=\"600\" height=\"314\" \/><\/a><\/div><div class=\"portfolio-entry-details entry-details wpex-clr\"><h2 class=\"portfolio-entry-title entry-title\"><a href=\"https:\/\/www.garciafaura.com\/en\/portfolio-item\/prat-de-la-riba-lhospitalet-development\/\" title=\"Prat de la Riba L&#8217;Hospitalet development\">Prat de la Riba L&#8217;Hospitalet development<\/a><\/h2><div class=\"portfolio-entry-categories entry-categories wpex-clr\"><a href=\"https:\/\/www.garciafaura.com\/en\/portfolio-category\/residential-complexes\/\" class=\"term-76\">Residential complexes<\/a><\/div><\/div><\/div><\/div><div class=\"portfolio-entry vcex-grid-item entry-has-details span_1_of_3 col col-1 vcex-isotope-entry vcex-no-margin-entry post-20083 entry type-portfolio has-media cat-76 translation_priority-15\"><div class=\"portfolio-entry-inner entry-inner wpex-clr\"><div class=\"portfolio-entry-media entry-media wpex-clr\"><a href=\"https:\/\/www.garciafaura.com\/wp-content\/uploads\/2018\/12\/Promocio\u0301-Mataro\u0301-carrer-Viladomat-01.jpg\" title=\"Viladomat Matar\u00f3 development\" class=\"portfolio-entry-media-link wpex-lightbox-gallery\" data-gallery=\"[{&quot;src&quot;:&quot;https:\\\/\\\/www.garciafaura.com\\\/wp-content\\\/uploads\\\/2018\\\/12\\\/Promocio\\u0301-Mataro\\u0301-carrer-Viladomat-01.jpg&quot;,&quot;title&quot;:&quot;Matar\\u00f3 calle Viladomat development&quot;},{&quot;src&quot;:&quot;https:\\\/\\\/www.garciafaura.com\\\/wp-content\\\/uploads\\\/2018\\\/12\\\/Promocio\\u0301-Mataro\\u0301-carrer-Viladomat-07.jpg&quot;,&quot;title&quot;:&quot;Promoci\\u00f3 Matar\\u00f3 carrer Viladomat&quot;},{&quot;src&quot;:&quot;https:\\\/\\\/www.garciafaura.com\\\/wp-content\\\/uploads\\\/2018\\\/12\\\/Promocio\\u0301-Mataro\\u0301-carrer-Viladomat-06.jpg&quot;,&quot;title&quot;:&quot;Promoci\\u00f3 Matar\\u00f3 carrer Viladomat&quot;},{&quot;src&quot;:&quot;https:\\\/\\\/www.garciafaura.com\\\/wp-content\\\/uploads\\\/2018\\\/12\\\/Promocio\\u0301-Mataro\\u0301-carrer-Viladomat-05.jpg&quot;,&quot;title&quot;:&quot;Promoci\\u00f3 Matar\\u00f3 carrer Viladomat&quot;},{&quot;src&quot;:&quot;https:\\\/\\\/www.garciafaura.com\\\/wp-content\\\/uploads\\\/2018\\\/12\\\/Promocio\\u0301-Mataro\\u0301-carrer-Viladomat-04.jpg&quot;,&quot;title&quot;:&quot;Promoci\\u00f3 Matar\\u00f3 carrer Viladomat&quot;},{&quot;src&quot;:&quot;https:\\\/\\\/www.garciafaura.com\\\/wp-content\\\/uploads\\\/2018\\\/12\\\/Promocio\\u0301-Mataro\\u0301-carrer-Viladomat-03.jpg&quot;,&quot;title&quot;:&quot;Promoci\\u00f3 Matar\\u00f3 carrer Viladomat&quot;},{&quot;src&quot;:&quot;https:\\\/\\\/www.garciafaura.com\\\/wp-content\\\/uploads\\\/2018\\\/12\\\/Promocio\\u0301-Mataro\\u0301-carrer-Viladomat-02.jpg&quot;,&quot;title&quot;:&quot;Promoci\\u00f3 Matar\\u00f3 carrer Viladomat&quot;}]\"><img loading=\"lazy\" decoding=\"async\" data-no-lazy=\"1\" class=\"portfolio-entry-img skip-lazy\" src=\"https:\/\/www.garciafaura.com\/wp-content\/uploads\/2018\/12\/Promocio\u0301-Mataro\u0301-carrer-Viladomat-01-600x314.jpg\" alt=\"Matar\u00f3 Calle Viladomat Development\" data-no-retina width=\"600\" height=\"314\" \/><\/a><\/div><div class=\"portfolio-entry-details entry-details wpex-clr\"><h2 class=\"portfolio-entry-title entry-title\"><a href=\"https:\/\/www.garciafaura.com\/en\/portfolio-item\/viladomat-mataro-development\/\" title=\"Viladomat Matar\u00f3 development\">Viladomat Matar\u00f3 development<\/a><\/h2><div class=\"portfolio-entry-categories entry-categories wpex-clr\"><a href=\"https:\/\/www.garciafaura.com\/en\/portfolio-category\/residential-complexes\/\" class=\"term-76\">Residential complexes<\/a><\/div><\/div><\/div><\/div><div class=\"portfolio-entry vcex-grid-item entry-has-details span_1_of_3 col col-2 vcex-isotope-entry vcex-no-margin-entry post-20082 entry type-portfolio has-media cat-76 translation_priority-15\"><div class=\"portfolio-entry-inner entry-inner wpex-clr\"><div class=\"portfolio-entry-media entry-media wpex-clr\"><a href=\"https:\/\/www.garciafaura.com\/wp-content\/uploads\/2018\/12\/Promocio\u0301-Riera-Arenys-01.jpg\" title=\"Riera de Arenys de Mar development\" class=\"portfolio-entry-media-link wpex-lightbox-gallery\" data-gallery=\"[{&quot;src&quot;:&quot;https:\\\/\\\/www.garciafaura.com\\\/wp-content\\\/uploads\\\/2018\\\/12\\\/Promocio\\u0301-Riera-Arenys-01.jpg&quot;,&quot;title&quot;:&quot;Enclosures for the Arenys de Mar housing development&quot;},{&quot;src&quot;:&quot;https:\\\/\\\/www.garciafaura.com\\\/wp-content\\\/uploads\\\/2018\\\/12\\\/Promocio\\u0301-Riera-Arenys-07.jpg&quot;,&quot;title&quot;:&quot;Tancaments per a promoci\\u00f3 d&#039;habitatges a Arenys de Mar&quot;},{&quot;src&quot;:&quot;https:\\\/\\\/www.garciafaura.com\\\/wp-content\\\/uploads\\\/2018\\\/12\\\/Promocio\\u0301-Riera-Arenys-06.jpg&quot;,&quot;title&quot;:&quot;Tancaments per a promoci\\u00f3 d&#039;habitatges a Arenys de Mar&quot;},{&quot;src&quot;:&quot;https:\\\/\\\/www.garciafaura.com\\\/wp-content\\\/uploads\\\/2018\\\/12\\\/Promocio\\u0301-Riera-Arenys-05.jpg&quot;,&quot;title&quot;:&quot;Tancaments per a promoci\\u00f3 d&#039;habitatges a Arenys de Mar&quot;},{&quot;src&quot;:&quot;https:\\\/\\\/www.garciafaura.com\\\/wp-content\\\/uploads\\\/2018\\\/12\\\/Promocio\\u0301-Riera-Arenys-04.jpg&quot;,&quot;title&quot;:&quot;Tancaments per a promoci\\u00f3 d&#039;habitatges a Arenys de Mar&quot;},{&quot;src&quot;:&quot;https:\\\/\\\/www.garciafaura.com\\\/wp-content\\\/uploads\\\/2018\\\/12\\\/Promocio\\u0301-Riera-Arenys-03.jpg&quot;,&quot;title&quot;:&quot;Tancaments per a promoci\\u00f3 d&#039;habitatges a Arenys de Mar&quot;},{&quot;src&quot;:&quot;https:\\\/\\\/www.garciafaura.com\\\/wp-content\\\/uploads\\\/2018\\\/12\\\/Promocio\\u0301-Riera-Arenys-02.jpg&quot;,&quot;title&quot;:&quot;Tancaments per a promoci\\u00f3 d&#039;habitatges a Arenys de Mar.&quot;}]\"><img loading=\"lazy\" decoding=\"async\" data-no-lazy=\"1\" class=\"portfolio-entry-img skip-lazy\" src=\"https:\/\/www.garciafaura.com\/wp-content\/uploads\/2018\/12\/Promocio\u0301-Riera-Arenys-01-600x314.jpg\" alt=\"Enclosures For The Arenys De Mar Housing Development\" data-no-retina width=\"600\" height=\"314\" \/><\/a><\/div><div class=\"portfolio-entry-details entry-details wpex-clr\"><h2 class=\"portfolio-entry-title entry-title\"><a href=\"https:\/\/www.garciafaura.com\/en\/portfolio-item\/riera-de-arenys-de-mar-development\/\" title=\"Riera de Arenys de Mar development\">Riera de Arenys de Mar development<\/a><\/h2><div class=\"portfolio-entry-categories entry-categories wpex-clr\"><a href=\"https:\/\/www.garciafaura.com\/en\/portfolio-category\/residential-complexes\/\" class=\"term-76\">Residential complexes<\/a><\/div><\/div><\/div><\/div><div class=\"portfolio-entry vcex-grid-item entry-has-details span_1_of_3 col col-3 vcex-isotope-entry vcex-no-margin-entry post-20081 entry type-portfolio has-media cat-76 translation_priority-15\"><div class=\"portfolio-entry-inner entry-inner wpex-clr\"><div class=\"portfolio-entry-media entry-media wpex-clr\"><a href=\"https:\/\/www.garciafaura.com\/wp-content\/uploads\/2018\/12\/Promocio\u0301-Cornella\u0300-Ctra-Esplugues-08.jpg\" title=\"Carretera de Esplugues development\" class=\"portfolio-entry-media-link wpex-lightbox-gallery\" data-gallery=\"[{&quot;src&quot;:&quot;https:\\\/\\\/www.garciafaura.com\\\/wp-content\\\/uploads\\\/2018\\\/12\\\/Promocio\\u0301-Cornella\\u0300-Ctra-Esplugues-08.jpg&quot;,&quot;title&quot;:&quot;Aluminium and glazed enclosures for the residential development in Cornell\\u00e0 de Llobregat.&quot;},{&quot;src&quot;:&quot;https:\\\/\\\/www.garciafaura.com\\\/wp-content\\\/uploads\\\/2018\\\/12\\\/Promocio\\u0301-Cornella\\u0300-Ctra-Esplugues-07.jpg&quot;,&quot;title&quot;:&quot;Tancaments d&#039;alumini i vidre per a promoci\\u00f3 residencial a Cornell\\u00e0&quot;},{&quot;src&quot;:&quot;https:\\\/\\\/www.garciafaura.com\\\/wp-content\\\/uploads\\\/2018\\\/12\\\/Promocio\\u0301-Cornella\\u0300-Ctra-Esplugues-06.jpg&quot;,&quot;title&quot;:&quot;Tancaments d&#039;alumini i vidre per a promoci\\u00f3 residencial a Cornell\\u00e0&quot;},{&quot;src&quot;:&quot;https:\\\/\\\/www.garciafaura.com\\\/wp-content\\\/uploads\\\/2018\\\/12\\\/Promocio\\u0301-Cornella\\u0300-Ctra-Esplugues-05.jpg&quot;,&quot;title&quot;:&quot;Tancaments d&#039;alumini i vidre per a promoci\\u00f3 residencial a Cornell\\u00e0&quot;},{&quot;src&quot;:&quot;https:\\\/\\\/www.garciafaura.com\\\/wp-content\\\/uploads\\\/2018\\\/12\\\/Promocio\\u0301-Cornella\\u0300-Ctra-Esplugues-04.jpg&quot;,&quot;title&quot;:&quot;Tancaments d&#039;alumini i vidre per a promoci\\u00f3 residencial a Cornell\\u00e0&quot;},{&quot;src&quot;:&quot;https:\\\/\\\/www.garciafaura.com\\\/wp-content\\\/uploads\\\/2018\\\/12\\\/Promocio\\u0301-Cornella\\u0300-Ctra-Esplugues-03.jpg&quot;,&quot;title&quot;:&quot;Tancaments d&#039;alumini i vidre per a promoci\\u00f3 residencial a Cornell\\u00e0&quot;},{&quot;src&quot;:&quot;https:\\\/\\\/www.garciafaura.com\\\/wp-content\\\/uploads\\\/2018\\\/12\\\/Promocio\\u0301-Cornella\\u0300-Ctra-Esplugues-02.jpg&quot;,&quot;title&quot;:&quot;Tancaments d&#039;alumini i vidre per a promoci\\u00f3 residencial a Cornell\\u00e0&quot;},{&quot;src&quot;:&quot;https:\\\/\\\/www.garciafaura.com\\\/wp-content\\\/uploads\\\/2018\\\/12\\\/Promocio\\u0301-Cornella\\u0300-Ctra-Esplugues-01.jpg&quot;,&quot;title&quot;:&quot;Tancaments d&#039;alumini i vidre per a promoci\\u00f3 residencial a Cornell\\u00e0&quot;}]\"><img loading=\"lazy\" decoding=\"async\" data-no-lazy=\"1\" class=\"portfolio-entry-img skip-lazy\" src=\"https:\/\/www.garciafaura.com\/wp-content\/uploads\/2018\/12\/Promocio\u0301-Cornella\u0300-Ctra-Esplugues-08-600x314.jpg\" alt=\"Aluminium And Glazed Enclosures For The Residential Development In Cornell\u00e0 De Llobregat.\" data-no-retina width=\"600\" height=\"314\" \/><\/a><\/div><div class=\"portfolio-entry-details entry-details wpex-clr\"><h2 class=\"portfolio-entry-title entry-title\"><a href=\"https:\/\/www.garciafaura.com\/en\/portfolio-item\/carretera-de-esplugues-development\/\" title=\"Carretera de Esplugues development\">Carretera de Esplugues development<\/a><\/h2><div class=\"portfolio-entry-categories entry-categories wpex-clr\"><a href=\"https:\/\/www.garciafaura.com\/en\/portfolio-category\/residential-complexes\/\" class=\"term-76\">Residential complexes<\/a><\/div><\/div><\/div><\/div><div class=\"portfolio-entry vcex-grid-item entry-has-details span_1_of_3 col col-1 vcex-isotope-entry vcex-no-margin-entry post-20080 entry type-portfolio has-media cat-76 translation_priority-15\"><div class=\"portfolio-entry-inner entry-inner wpex-clr\"><div class=\"portfolio-entry-media entry-media wpex-clr\"><a href=\"https:\/\/www.garciafaura.com\/wp-content\/uploads\/2018\/12\/Promocio\u0301-Sant-Feliu-Pai\u0308sos-Catalans-04.jpg\" title=\"Pa\u00efsos Catalans development in Sant Feliu\" class=\"portfolio-entry-media-link wpex-lightbox-gallery\" data-gallery=\"[{&quot;src&quot;:&quot;https:\\\/\\\/www.garciafaura.com\\\/wp-content\\\/uploads\\\/2018\\\/12\\\/Promocio\\u0301-Sant-Feliu-Pai\\u0308sos-Catalans-02.jpg&quot;,&quot;title&quot;:&quot;Tancaments per a 51 habitatges a Sant Feliu de Llobregat&quot;},{&quot;src&quot;:&quot;https:\\\/\\\/www.garciafaura.com\\\/wp-content\\\/uploads\\\/2018\\\/12\\\/Promocio\\u0301-Sant-Feliu-Pai\\u0308sos-Catalans-06.jpg&quot;,&quot;title&quot;:&quot;Tancaments per a 51 habitatges a Sant Feliu de Llobregat&quot;},{&quot;src&quot;:&quot;https:\\\/\\\/www.garciafaura.com\\\/wp-content\\\/uploads\\\/2018\\\/12\\\/Promocio\\u0301-Sant-Feliu-Pai\\u0308sos-Catalans-05.jpg&quot;,&quot;title&quot;:&quot;Tancaments per a 51 habitatges a Sant Feliu de Llobregat&quot;},{&quot;src&quot;:&quot;https:\\\/\\\/www.garciafaura.com\\\/wp-content\\\/uploads\\\/2018\\\/12\\\/Promocio\\u0301-Sant-Feliu-Pai\\u0308sos-Catalans-04.jpg&quot;,&quot;title&quot;:&quot;Enclosures for 51 residences in Sant Feliu de Llobregat&quot;},{&quot;src&quot;:&quot;https:\\\/\\\/www.garciafaura.com\\\/wp-content\\\/uploads\\\/2018\\\/12\\\/Promocio\\u0301-Sant-Feliu-Pai\\u0308sos-Catalans-03.jpg&quot;,&quot;title&quot;:&quot;Tancaments per a 51 habitatges a Sant Feliu de Llobregat&quot;},{&quot;src&quot;:&quot;https:\\\/\\\/www.garciafaura.com\\\/wp-content\\\/uploads\\\/2018\\\/12\\\/Promocio\\u0301-Sant-Feliu-Pai\\u0308sos-Catalans-01.jpg&quot;,&quot;title&quot;:&quot;Tancaments per a 51 habitatges a Sant Feliu de Llobregat&quot;}]\"><img loading=\"lazy\" decoding=\"async\" data-no-lazy=\"1\" class=\"portfolio-entry-img skip-lazy\" src=\"https:\/\/www.garciafaura.com\/wp-content\/uploads\/2018\/12\/Promocio\u0301-Sant-Feliu-Pai\u0308sos-Catalans-04-600x314.jpg\" alt=\"Enclosures For 51 Residences In Sant Feliu De Llobregat\" data-no-retina width=\"600\" height=\"314\" \/><\/a><\/div><div class=\"portfolio-entry-details entry-details wpex-clr\"><h2 class=\"portfolio-entry-title entry-title\"><a href=\"https:\/\/www.garciafaura.com\/en\/portfolio-item\/paisos-catalans-development-in-sant-feliu\/\" title=\"Pa\u00efsos Catalans development in Sant Feliu\">Pa\u00efsos Catalans development in Sant Feliu<\/a><\/h2><div class=\"portfolio-entry-categories entry-categories wpex-clr\"><a href=\"https:\/\/www.garciafaura.com\/en\/portfolio-category\/residential-complexes\/\" class=\"term-76\">Residential complexes<\/a><\/div><\/div><\/div><\/div><div class=\"portfolio-entry vcex-grid-item entry-has-details span_1_of_3 col col-2 vcex-isotope-entry vcex-no-margin-entry post-20077 entry type-portfolio has-media cat-76 translation_priority-15\"><div class=\"portfolio-entry-inner entry-inner wpex-clr\"><div class=\"portfolio-entry-media entry-media wpex-clr\"><a href=\"https:\/\/www.garciafaura.com\/wp-content\/uploads\/2018\/12\/Habitatge-dotacional-Sant-Cugat-01.jpg\" title=\"Residential housing in Sant Cugat del Val\u00e8s\" class=\"portfolio-entry-media-link wpex-lightbox-gallery\" data-gallery=\"[{&quot;src&quot;:&quot;https:\\\/\\\/www.garciafaura.com\\\/wp-content\\\/uploads\\\/2018\\\/12\\\/Habitatge-dotacional-Sant-Cugat-01.jpg&quot;,&quot;title&quot;:&quot;Aluminium and glazed enclosures for 39 residences&quot;},{&quot;src&quot;:&quot;https:\\\/\\\/www.garciafaura.com\\\/wp-content\\\/uploads\\\/2018\\\/12\\\/Habitatge-dotacional-Sant-Cugat-06.jpg&quot;,&quot;title&quot;:&quot;Tancaments d&#039;alumini i vidre per a 39 habitatges&quot;},{&quot;src&quot;:&quot;https:\\\/\\\/www.garciafaura.com\\\/wp-content\\\/uploads\\\/2018\\\/12\\\/Habitatge-dotacional-Sant-Cugat-05.jpg&quot;,&quot;title&quot;:&quot;Tancaments d&#039;alumini i vidre per a 39 habitatges&quot;},{&quot;src&quot;:&quot;https:\\\/\\\/www.garciafaura.com\\\/wp-content\\\/uploads\\\/2018\\\/12\\\/Habitatge-dotacional-Sant-Cugat-04.jpg&quot;,&quot;title&quot;:&quot;Tancaments d&#039;alumini i vidre per a 39 habitatges&quot;},{&quot;src&quot;:&quot;https:\\\/\\\/www.garciafaura.com\\\/wp-content\\\/uploads\\\/2018\\\/12\\\/Habitatge-dotacional-Sant-Cugat-03.jpg&quot;,&quot;title&quot;:&quot;Tancaments d&#039;alumini i vidre per a 39 habitatges&quot;},{&quot;src&quot;:&quot;https:\\\/\\\/www.garciafaura.com\\\/wp-content\\\/uploads\\\/2018\\\/12\\\/Habitatge-dotacional-Sant-Cugat-02.jpg&quot;,&quot;title&quot;:&quot;Tancaments d&#039;alumini i vidre per a 39 habitatges&quot;}]\"><img loading=\"lazy\" decoding=\"async\" data-no-lazy=\"1\" class=\"portfolio-entry-img skip-lazy\" src=\"https:\/\/www.garciafaura.com\/wp-content\/uploads\/2018\/12\/Habitatge-dotacional-Sant-Cugat-01-600x314.jpg\" alt=\"Aluminium And Glazed Enclosures For 39 Residences\" data-no-retina width=\"600\" height=\"314\" \/><\/a><\/div><div class=\"portfolio-entry-details entry-details wpex-clr\"><h2 class=\"portfolio-entry-title entry-title\"><a href=\"https:\/\/www.garciafaura.com\/en\/portfolio-item\/residential-housing-in-sant-cugat-del-vales\/\" title=\"Residential housing in Sant Cugat del Val\u00e8s\">Residential housing in Sant Cugat del Val\u00e8s<\/a><\/h2><div class=\"portfolio-entry-categories entry-categories wpex-clr\"><a href=\"https:\/\/www.garciafaura.com\/en\/portfolio-category\/residential-complexes\/\" class=\"term-76\">Residential complexes<\/a><\/div><\/div><\/div><\/div><div class=\"portfolio-entry vcex-grid-item entry-has-details span_1_of_3 col col-3 vcex-isotope-entry vcex-no-margin-entry post-20076 entry type-portfolio has-media cat-76 translation_priority-15\"><div class=\"portfolio-entry-inner entry-inner wpex-clr\"><div class=\"portfolio-entry-media entry-media wpex-clr\"><a href=\"https:\/\/www.garciafaura.com\/wp-content\/uploads\/2018\/12\/Promocio\u0301-Lleo\u0301-Fontova-Cornella\u0300-01.jpg\" title=\"Lle\u00f3 Fontova development\" class=\"portfolio-entry-media-link wpex-lightbox-gallery\" data-gallery=\"[{&quot;src&quot;:&quot;https:\\\/\\\/www.garciafaura.com\\\/wp-content\\\/uploads\\\/2018\\\/12\\\/Promocio\\u0301-Lleo\\u0301-Fontova-Cornella\\u0300-01.jpg&quot;,&quot;title&quot;:&quot;Aluminium and glazed enclosures for the development in Cornell\\u00e0 de Llobregat.&quot;},{&quot;src&quot;:&quot;https:\\\/\\\/www.garciafaura.com\\\/wp-content\\\/uploads\\\/2018\\\/12\\\/Promocio\\u0301-Lleo\\u0301-Fontova-Cornella\\u0300-09.jpg&quot;,&quot;title&quot;:&quot;Tancaments d&#039;alumini i vidre per a promoci\\u00f3 residencial a Cornell\\u00e0 de Llobregat&quot;},{&quot;src&quot;:&quot;https:\\\/\\\/www.garciafaura.com\\\/wp-content\\\/uploads\\\/2018\\\/12\\\/Promocio\\u0301-Lleo\\u0301-Fontova-Cornella\\u0300-08.jpg&quot;,&quot;title&quot;:&quot;Tancaments d&#039;alumini i vidre per a promoci\\u00f3 residencial a Cornell\\u00e0 de Llobregat&quot;},{&quot;src&quot;:&quot;https:\\\/\\\/www.garciafaura.com\\\/wp-content\\\/uploads\\\/2018\\\/12\\\/Promocio\\u0301-Lleo\\u0301-Fontova-Cornella\\u0300-07.jpg&quot;,&quot;title&quot;:&quot;Tancaments d&#039;alumini i vidre per a promoci\\u00f3 residencial a Cornell\\u00e0 de Llobregat&quot;},{&quot;src&quot;:&quot;https:\\\/\\\/www.garciafaura.com\\\/wp-content\\\/uploads\\\/2018\\\/12\\\/Promocio\\u0301-Lleo\\u0301-Fontova-Cornella\\u0300-06.jpg&quot;,&quot;title&quot;:&quot;Tancaments d&#039;alumini i vidre per a promoci\\u00f3 residencial a Cornell\\u00e0 de Llobregat&quot;},{&quot;src&quot;:&quot;https:\\\/\\\/www.garciafaura.com\\\/wp-content\\\/uploads\\\/2018\\\/12\\\/Promocio\\u0301-Lleo\\u0301-Fontova-Cornella\\u0300-05.jpg&quot;,&quot;title&quot;:&quot;Tancaments d&#039;alumini i vidre per a promoci\\u00f3 residencial a Cornell\\u00e0 de Llobregat&quot;},{&quot;src&quot;:&quot;https:\\\/\\\/www.garciafaura.com\\\/wp-content\\\/uploads\\\/2018\\\/12\\\/Promocio\\u0301-Lleo\\u0301-Fontova-Cornella\\u0300-04.jpg&quot;,&quot;title&quot;:&quot;Tancaments d&#039;alumini i vidre per a promoci\\u00f3 residencial a Cornell\\u00e0 de Llobregat&quot;},{&quot;src&quot;:&quot;https:\\\/\\\/www.garciafaura.com\\\/wp-content\\\/uploads\\\/2018\\\/12\\\/Promocio\\u0301-Lleo\\u0301-Fontova-Cornella\\u0300-03.jpg&quot;,&quot;title&quot;:&quot;Tancaments d&#039;alumini i vidre per a promoci\\u00f3 residencial a Cornell\\u00e0 de Llobregat&quot;},{&quot;src&quot;:&quot;https:\\\/\\\/www.garciafaura.com\\\/wp-content\\\/uploads\\\/2018\\\/12\\\/Promocio\\u0301-Lleo\\u0301-Fontova-Cornella\\u0300-02.jpg&quot;,&quot;title&quot;:&quot;Tancaments d&#039;alumini i vidre per a promoci\\u00f3 residencial a Cornell\\u00e0 de Llobregat&quot;}]\"><img loading=\"lazy\" decoding=\"async\" data-no-lazy=\"1\" class=\"portfolio-entry-img skip-lazy\" src=\"https:\/\/www.garciafaura.com\/wp-content\/uploads\/2018\/12\/Promocio\u0301-Lleo\u0301-Fontova-Cornella\u0300-01-600x314.jpg\" alt=\"Aluminium And Glazed Enclosures For The Development In Cornell\u00e0 De Llobregat.\" data-no-retina width=\"600\" height=\"314\" \/><\/a><\/div><div class=\"portfolio-entry-details entry-details wpex-clr\"><h2 class=\"portfolio-entry-title entry-title\"><a href=\"https:\/\/www.garciafaura.com\/en\/portfolio-item\/lleo-fontova-development\/\" title=\"Lle\u00f3 Fontova development\">Lle\u00f3 Fontova development<\/a><\/h2><div class=\"portfolio-entry-categories entry-categories wpex-clr\"><a href=\"https:\/\/www.garciafaura.com\/en\/portfolio-category\/residential-complexes\/\" class=\"term-76\">Residential complexes<\/a><\/div><\/div><\/div><\/div><div class=\"portfolio-entry vcex-grid-item entry-has-details span_1_of_3 col col-1 vcex-isotope-entry vcex-no-margin-entry post-20075 entry type-portfolio has-media cat-76 translation_priority-15\"><div class=\"portfolio-entry-inner entry-inner wpex-clr\"><div class=\"portfolio-entry-media entry-media wpex-clr\"><a href=\"https:\/\/www.garciafaura.com\/wp-content\/uploads\/2018\/12\/Promocio\u0301-Can-Mercader-Cornella\u0300-01.jpg\" title=\"Can Mercader development\" class=\"portfolio-entry-media-link wpex-lightbox-gallery\" data-gallery=\"[{&quot;src&quot;:&quot;https:\\\/\\\/www.garciafaura.com\\\/wp-content\\\/uploads\\\/2018\\\/12\\\/Promocio\\u0301-Can-Mercader-Cornella\\u0300-01.jpg&quot;,&quot;title&quot;:&quot;Aluminium and glazed enclosures for the development in Cornell\\u00e0 de Llobregat.&quot;},{&quot;src&quot;:&quot;https:\\\/\\\/www.garciafaura.com\\\/wp-content\\\/uploads\\\/2018\\\/12\\\/Promocio\\u0301-Can-Mercader-Cornella\\u0300-09.jpg&quot;,&quot;title&quot;:&quot;Tancaments d&#039;alumini i vidre per a promoci\\u00f3 residencial a Cornell\\u00e0 de Llobregat&quot;},{&quot;src&quot;:&quot;https:\\\/\\\/www.garciafaura.com\\\/wp-content\\\/uploads\\\/2018\\\/12\\\/Promocio\\u0301-Can-Mercader-Cornella\\u0300-08.jpg&quot;,&quot;title&quot;:&quot;Tancaments d&#039;alumini i vidre per a promoci\\u00f3 residencial a Cornell\\u00e0 de Llobregat&quot;},{&quot;src&quot;:&quot;https:\\\/\\\/www.garciafaura.com\\\/wp-content\\\/uploads\\\/2018\\\/12\\\/Promocio\\u0301-Can-Mercader-Cornella\\u0300-07.jpg&quot;,&quot;title&quot;:&quot;Tancaments d&#039;alumini i vidre per a promoci\\u00f3 residencial a Cornell\\u00e0 de Llobregat&quot;},{&quot;src&quot;:&quot;https:\\\/\\\/www.garciafaura.com\\\/wp-content\\\/uploads\\\/2018\\\/12\\\/Promocio\\u0301-Can-Mercader-Cornella\\u0300-06.jpg&quot;,&quot;title&quot;:&quot;Tancaments d&#039;alumini i vidre per a promoci\\u00f3 residencial a Cornell\\u00e0 de Llobregat&quot;},{&quot;src&quot;:&quot;https:\\\/\\\/www.garciafaura.com\\\/wp-content\\\/uploads\\\/2018\\\/12\\\/Promocio\\u0301-Can-Mercader-Cornella\\u0300-05.jpg&quot;,&quot;title&quot;:&quot;Tancaments d&#039;alumini i vidre per a promoci\\u00f3 residencial a Cornell\\u00e0 de Llobregat&quot;},{&quot;src&quot;:&quot;https:\\\/\\\/www.garciafaura.com\\\/wp-content\\\/uploads\\\/2018\\\/12\\\/Promocio\\u0301-Can-Mercader-Cornella\\u0300-04.jpg&quot;,&quot;title&quot;:&quot;Tancaments d&#039;alumini i vidre per a promoci\\u00f3 residencial a Cornell\\u00e0 de Llobregat&quot;},{&quot;src&quot;:&quot;https:\\\/\\\/www.garciafaura.com\\\/wp-content\\\/uploads\\\/2018\\\/12\\\/Promocio\\u0301-Can-Mercader-Cornella\\u0300-02.jpg&quot;,&quot;title&quot;:&quot;Tancaments d&#039;alumini i vidre per a promoci\\u00f3 residencial a Cornell\\u00e0 de Llobregat&quot;},{&quot;src&quot;:&quot;https:\\\/\\\/www.garciafaura.com\\\/wp-content\\\/uploads\\\/2018\\\/12\\\/Promocio\\u0301-Can-Mercader-Cornella\\u0300-03.jpg&quot;,&quot;title&quot;:&quot;Tancaments d&#039;alumini i vidre per a promoci\\u00f3 residencial a Cornell\\u00e0 de Llobregat&quot;}]\"><img loading=\"lazy\" decoding=\"async\" data-no-lazy=\"1\" class=\"portfolio-entry-img skip-lazy\" src=\"https:\/\/www.garciafaura.com\/wp-content\/uploads\/2018\/12\/Promocio\u0301-Can-Mercader-Cornella\u0300-01-600x314.jpg\" alt=\"Aluminium And Glazed Enclosures For The Development In Cornell\u00e0 De Llobregat.\" data-no-retina width=\"600\" height=\"314\" \/><\/a><\/div><div class=\"portfolio-entry-details entry-details wpex-clr\"><h2 class=\"portfolio-entry-title entry-title\"><a href=\"https:\/\/www.garciafaura.com\/en\/portfolio-item\/can-mercader-development\/\" title=\"Can Mercader development\">Can Mercader development<\/a><\/h2><div class=\"portfolio-entry-categories entry-categories wpex-clr\"><a href=\"https:\/\/www.garciafaura.com\/en\/portfolio-category\/residential-complexes\/\" class=\"term-76\">Residential complexes<\/a><\/div><\/div><\/div><\/div><div class=\"portfolio-entry vcex-grid-item entry-has-details span_1_of_3 col col-2 vcex-isotope-entry vcex-no-margin-entry post-20074 entry type-portfolio has-media cat-86 cat-76 translation_priority-15\"><div class=\"portfolio-entry-inner entry-inner wpex-clr\"><div class=\"portfolio-entry-media entry-media wpex-clr\"><a href=\"https:\/\/www.garciafaura.com\/wp-content\/uploads\/2018\/12\/Residencial-Torre-Europa-01.jpg\" title=\"Torre Europa residential development\" class=\"portfolio-entry-media-link wpex-lightbox-gallery\" data-gallery=\"[{&quot;src&quot;:&quot;https:\\\/\\\/www.garciafaura.com\\\/wp-content\\\/uploads\\\/2018\\\/12\\\/Residencial-Torre-Europa-01.jpg&quot;,&quot;title&quot;:&quot;Enclosures for a 90-residence building in L&#039;Hospitalet de Llobregat&quot;},{&quot;src&quot;:&quot;https:\\\/\\\/www.garciafaura.com\\\/wp-content\\\/uploads\\\/2018\\\/12\\\/Residencial-Torre-Europa-08.jpg&quot;,&quot;title&quot;:&quot;Tancaments per a edifici de 90 habitatges a l&#039;Hospitalet de Llobregat&quot;},{&quot;src&quot;:&quot;https:\\\/\\\/www.garciafaura.com\\\/wp-content\\\/uploads\\\/2018\\\/12\\\/Residencial-Torre-Europa-07.jpg&quot;,&quot;title&quot;:&quot;Tancaments per a edifici de 90 habitatges a l&#039;Hospitalet de Llobregat&quot;},{&quot;src&quot;:&quot;https:\\\/\\\/www.garciafaura.com\\\/wp-content\\\/uploads\\\/2018\\\/12\\\/Residencial-Torre-Europa-06.jpg&quot;,&quot;title&quot;:&quot;Tancaments per a edifici de 90 habitatges a l&#039;Hospitalet de Llobregat&quot;},{&quot;src&quot;:&quot;https:\\\/\\\/www.garciafaura.com\\\/wp-content\\\/uploads\\\/2018\\\/12\\\/Residencial-Torre-Europa-05.jpg&quot;,&quot;title&quot;:&quot;Tancaments per a edifici de 90 habitatges a l&#039;Hospitalet de Llobregat&quot;},{&quot;src&quot;:&quot;https:\\\/\\\/www.garciafaura.com\\\/wp-content\\\/uploads\\\/2018\\\/12\\\/Residencial-Torre-Europa-04.jpg&quot;,&quot;title&quot;:&quot;Tancaments per a edifici de 90 habitatges a l&#039;Hospitalet de Llobregat&quot;},{&quot;src&quot;:&quot;https:\\\/\\\/www.garciafaura.com\\\/wp-content\\\/uploads\\\/2018\\\/12\\\/Residencial-Torre-Europa-03.jpg&quot;,&quot;title&quot;:&quot;Tancaments per a edifici de 90 habitatges a l&#039;Hospitalet de Llobregat&quot;},{&quot;src&quot;:&quot;https:\\\/\\\/www.garciafaura.com\\\/wp-content\\\/uploads\\\/2018\\\/12\\\/Residencial-Torre-Europa-02.jpg&quot;,&quot;title&quot;:&quot;Tancaments per a edifici de 90 habitatges a l&#039;Hospitalet de Llobregat&quot;}]\"><img loading=\"lazy\" decoding=\"async\" data-no-lazy=\"1\" class=\"portfolio-entry-img skip-lazy\" src=\"https:\/\/www.garciafaura.com\/wp-content\/uploads\/2018\/12\/Residencial-Torre-Europa-01-600x314.jpg\" alt=\"Enclosures For A 90-residence Building In L'Hospitalet De Llobregat\" data-no-retina width=\"600\" height=\"314\" \/><\/a><\/div><div class=\"portfolio-entry-details entry-details wpex-clr\"><h2 class=\"portfolio-entry-title entry-title\"><a href=\"https:\/\/www.garciafaura.com\/en\/portfolio-item\/torre-europa-residential-development\/\" title=\"Torre Europa residential development\">Torre Europa residential development<\/a><\/h2><div class=\"portfolio-entry-categories entry-categories wpex-clr\"><a href=\"https:\/\/www.garciafaura.com\/en\/portfolio-category\/destacat-residential-complexes\/\" class=\"term-86\">Destacat residential complexes<\/a><\/div><\/div><\/div><\/div><div class=\"portfolio-entry vcex-grid-item entry-has-details span_1_of_3 col col-3 vcex-isotope-entry vcex-no-margin-entry post-20073 entry type-portfolio has-media cat-86 cat-76 translation_priority-15\"><div class=\"portfolio-entry-inner entry-inner wpex-clr\"><div class=\"portfolio-entry-media entry-media wpex-clr\"><a href=\"https:\/\/www.garciafaura.com\/wp-content\/uploads\/2018\/12\/Promocio\u0301-Antoni-Agraz-Sant-Cugat-01.jpg\" title=\"Antoni Agraz development\" class=\"portfolio-entry-media-link wpex-lightbox-gallery\" data-gallery=\"[{&quot;src&quot;:&quot;https:\\\/\\\/www.garciafaura.com\\\/wp-content\\\/uploads\\\/2018\\\/12\\\/Promocio\\u0301-Antoni-Agraz-Sant-Cugat-01.jpg&quot;,&quot;title&quot;:&quot;Glazed aluminium enclosures in the residential development in ant Cugat del Vall\\u00e8s&quot;},{&quot;src&quot;:&quot;https:\\\/\\\/www.garciafaura.com\\\/wp-content\\\/uploads\\\/2018\\\/12\\\/Promocio\\u0301-Antoni-Agraz-Sant-Cugat-08.jpg&quot;,&quot;title&quot;:&quot;Tancaments d&#039;alumini i vidre en promoci\\u00f3 residencial a Sant Cugat del Vall\\u00e8s&quot;},{&quot;src&quot;:&quot;https:\\\/\\\/www.garciafaura.com\\\/wp-content\\\/uploads\\\/2018\\\/12\\\/Promocio\\u0301-Antoni-Agraz-Sant-Cugat-07.jpg&quot;,&quot;title&quot;:&quot;Tancaments d&#039;alumini i vidre en promoci\\u00f3 residencial a Sant Cugat del Vall\\u00e8s&quot;},{&quot;src&quot;:&quot;https:\\\/\\\/www.garciafaura.com\\\/wp-content\\\/uploads\\\/2018\\\/12\\\/Promocio\\u0301-Antoni-Agraz-Sant-Cugat-06.jpg&quot;,&quot;title&quot;:&quot;Tancaments d&#039;alumini i vidre en promoci\\u00f3 residencial a Sant Cugat del Vall\\u00e8s&quot;},{&quot;src&quot;:&quot;https:\\\/\\\/www.garciafaura.com\\\/wp-content\\\/uploads\\\/2018\\\/12\\\/Promocio\\u0301-Antoni-Agraz-Sant-Cugat-05.jpg&quot;,&quot;title&quot;:&quot;Tancaments d&#039;alumini i vidre en promoci\\u00f3 residencial a Sant Cugat del Vall\\u00e8s&quot;},{&quot;src&quot;:&quot;https:\\\/\\\/www.garciafaura.com\\\/wp-content\\\/uploads\\\/2018\\\/12\\\/Promocio\\u0301-Antoni-Agraz-Sant-Cugat-04.jpg&quot;,&quot;title&quot;:&quot;Tancaments d&#039;alumini i vidre en promoci\\u00f3 residencial a Sant Cugat del Vall\\u00e8s&quot;},{&quot;src&quot;:&quot;https:\\\/\\\/www.garciafaura.com\\\/wp-content\\\/uploads\\\/2018\\\/12\\\/Promocio\\u0301-Antoni-Agraz-Sant-Cugat-03.jpg&quot;,&quot;title&quot;:&quot;Tancaments d&#039;alumini i vidre en promoci\\u00f3 residencial a Sant Cugat del Vall\\u00e8s&quot;},{&quot;src&quot;:&quot;https:\\\/\\\/www.garciafaura.com\\\/wp-content\\\/uploads\\\/2018\\\/12\\\/Promocio\\u0301-Antoni-Agraz-Sant-Cugat-02.jpg&quot;,&quot;title&quot;:&quot;Tancaments d&#039;alumini i vidre en promoci\\u00f3 residencial a Sant Cugat del Vall\\u00e8s&quot;}]\"><img loading=\"lazy\" decoding=\"async\" data-no-lazy=\"1\" class=\"portfolio-entry-img skip-lazy\" src=\"https:\/\/www.garciafaura.com\/wp-content\/uploads\/2018\/12\/Promocio\u0301-Antoni-Agraz-Sant-Cugat-01-600x314.jpg\" alt=\"Glazed Aluminium Enclosures In The Residential Development In Ant Cugat Del Vall\u00e8s\" data-no-retina width=\"600\" height=\"314\" \/><\/a><\/div><div class=\"portfolio-entry-details entry-details wpex-clr\"><h2 class=\"portfolio-entry-title entry-title\"><a href=\"https:\/\/www.garciafaura.com\/en\/portfolio-item\/antoni-agrz-development\/\" title=\"Antoni Agraz development\">Antoni Agraz development<\/a><\/h2><div class=\"portfolio-entry-categories entry-categories wpex-clr\"><a href=\"https:\/\/www.garciafaura.com\/en\/portfolio-category\/destacat-residential-complexes\/\" class=\"term-86\">Destacat residential complexes<\/a><\/div><\/div><\/div><\/div><div class=\"portfolio-entry vcex-grid-item entry-has-details span_1_of_3 col col-1 vcex-isotope-entry vcex-no-margin-entry post-20072 entry type-portfolio has-media cat-76 translation_priority-15\"><div class=\"portfolio-entry-inner entry-inner wpex-clr\"><div class=\"portfolio-entry-media entry-media wpex-clr\"><a href=\"https:\/\/www.garciafaura.com\/wp-content\/uploads\/2018\/12\/Promocio\u0301-Santiga-Ripollet-01.jpg\" title=\"Santiga development\" class=\"portfolio-entry-media-link wpex-lightbox-gallery\" data-gallery=\"[{&quot;src&quot;:&quot;https:\\\/\\\/www.garciafaura.com\\\/wp-content\\\/uploads\\\/2018\\\/12\\\/Promocio\\u0301-Santiga-Ripollet-01.jpg&quot;,&quot;title&quot;:&quot;Aluminium and glass enclosures for the residential development in Ripollet&quot;},{&quot;src&quot;:&quot;https:\\\/\\\/www.garciafaura.com\\\/wp-content\\\/uploads\\\/2018\\\/12\\\/Promocio\\u0301-Santiga-Ripollet-08.jpg&quot;,&quot;title&quot;:&quot;Tancaments d&#039;alumini i vidre en aquesta promoci\\u00f3 residencial a Ripollet&quot;},{&quot;src&quot;:&quot;https:\\\/\\\/www.garciafaura.com\\\/wp-content\\\/uploads\\\/2018\\\/12\\\/Promocio\\u0301-Santiga-Ripollet-07.jpg&quot;,&quot;title&quot;:&quot;Tancaments d&#039;alumini i vidre en aquesta promoci\\u00f3 residencial a Ripollet&quot;},{&quot;src&quot;:&quot;https:\\\/\\\/www.garciafaura.com\\\/wp-content\\\/uploads\\\/2018\\\/12\\\/Promocio\\u0301-Santiga-Ripollet-06.jpg&quot;,&quot;title&quot;:&quot;Tancaments d&#039;alumini i vidre en aquesta promoci\\u00f3 residencial a Ripollet&quot;},{&quot;src&quot;:&quot;https:\\\/\\\/www.garciafaura.com\\\/wp-content\\\/uploads\\\/2018\\\/12\\\/Promocio\\u0301-Santiga-Ripollet-05.jpg&quot;,&quot;title&quot;:&quot;Tancaments d&#039;alumini i vidre en aquesta promoci\\u00f3 residencial a Ripollet&quot;},{&quot;src&quot;:&quot;https:\\\/\\\/www.garciafaura.com\\\/wp-content\\\/uploads\\\/2018\\\/12\\\/Promocio\\u0301-Santiga-Ripollet-04.jpg&quot;,&quot;title&quot;:&quot;Tancaments d&#039;alumini i vidre en aquesta promoci\\u00f3 residencial a Ripollet&quot;},{&quot;src&quot;:&quot;https:\\\/\\\/www.garciafaura.com\\\/wp-content\\\/uploads\\\/2018\\\/12\\\/Promocio\\u0301-Santiga-Ripollet-03.jpg&quot;,&quot;title&quot;:&quot;Tancaments d&#039;alumini i vidre en aquesta promoci\\u00f3 residencial a Ripollet&quot;},{&quot;src&quot;:&quot;https:\\\/\\\/www.garciafaura.com\\\/wp-content\\\/uploads\\\/2018\\\/12\\\/Promocio\\u0301-Santiga-Ripollet-02.jpg&quot;,&quot;title&quot;:&quot;Tancaments d&#039;alumini i vidre en aquesta promoci\\u00f3 residencial a Ripollet&quot;}]\"><img loading=\"lazy\" decoding=\"async\" data-no-lazy=\"1\" class=\"portfolio-entry-img skip-lazy\" src=\"https:\/\/www.garciafaura.com\/wp-content\/uploads\/2018\/12\/Promocio\u0301-Santiga-Ripollet-01-600x314.jpg\" alt=\"Aluminium And Glass Enclosures For The Residential Development In Ripollet\" data-no-retina width=\"600\" height=\"314\" \/><\/a><\/div><div class=\"portfolio-entry-details entry-details wpex-clr\"><h2 class=\"portfolio-entry-title entry-title\"><a href=\"https:\/\/www.garciafaura.com\/en\/portfolio-item\/santiga-development\/\" title=\"Santiga development\">Santiga development<\/a><\/h2><div class=\"portfolio-entry-categories entry-categories wpex-clr\"><a href=\"https:\/\/www.garciafaura.com\/en\/portfolio-category\/residential-complexes\/\" class=\"term-76\">Residential complexes<\/a><\/div><\/div><\/div><\/div><div class=\"portfolio-entry vcex-grid-item entry-has-details span_1_of_3 col col-2 vcex-isotope-entry vcex-no-margin-entry post-20069 entry type-portfolio has-media cat-76 translation_priority-15\"><div class=\"portfolio-entry-inner entry-inner wpex-clr\"><div class=\"portfolio-entry-media entry-media wpex-clr\"><a href=\"https:\/\/www.garciafaura.com\/wp-content\/uploads\/2018\/11\/Promocio\u0301-Gava\u0300-Mar-01-1.jpg\" title=\"Gav\u00e0 Mar development\" class=\"portfolio-entry-media-link wpex-lightbox-gallery\" data-gallery=\"[{&quot;src&quot;:&quot;https:\\\/\\\/www.garciafaura.com\\\/wp-content\\\/uploads\\\/2018\\\/11\\\/Promocio\\u0301-Gava\\u0300-Mar-01-1.jpg&quot;,&quot;title&quot;:&quot;Interior and exterior enclosures for the residential development i the new Central Mar neighbourhood&quot;},{&quot;src&quot;:&quot;https:\\\/\\\/www.garciafaura.com\\\/wp-content\\\/uploads\\\/2018\\\/11\\\/Promocio\\u0301-Gava\\u0300-Mar-01.jpg&quot;},{&quot;src&quot;:&quot;https:\\\/\\\/www.garciafaura.com\\\/wp-content\\\/uploads\\\/2018\\\/11\\\/Promocio\\u0301-Gava\\u0300-Mar-03.jpg&quot;,&quot;title&quot;:&quot;Tancaments interiors i exteriors del conjunt de vivendes del nou barri Central MarTancaments interiors i exteriors del conjunt de vivendes del nou barri Central Mar&quot;},{&quot;src&quot;:&quot;https:\\\/\\\/www.garciafaura.com\\\/wp-content\\\/uploads\\\/2018\\\/11\\\/Promocio\\u0301-Gava\\u0300-Mar-02.jpg&quot;,&quot;title&quot;:&quot;Tancaments interiors i exteriors del conjunt de vivendes del nou barri Central Mar&quot;}]\"><img loading=\"lazy\" decoding=\"async\" data-no-lazy=\"1\" class=\"portfolio-entry-img skip-lazy\" src=\"https:\/\/www.garciafaura.com\/wp-content\/uploads\/2018\/11\/Promocio\u0301-Gava\u0300-Mar-01-1-600x314.jpg\" alt=\"Interior And Exterior Enclosures For The Residential Development I The New Central Mar Neighbourhood\" data-no-retina width=\"600\" height=\"314\" \/><\/a><\/div><div class=\"portfolio-entry-details entry-details wpex-clr\"><h2 class=\"portfolio-entry-title entry-title\"><a href=\"https:\/\/www.garciafaura.com\/en\/portfolio-item\/gava-mar-development\/\" title=\"Gav\u00e0 Mar development\">Gav\u00e0 Mar development<\/a><\/h2><div class=\"portfolio-entry-categories entry-categories wpex-clr\"><a href=\"https:\/\/www.garciafaura.com\/en\/portfolio-category\/residential-complexes\/\" class=\"term-76\">Residential complexes<\/a><\/div><\/div><\/div><\/div><div class=\"portfolio-entry vcex-grid-item entry-has-details span_1_of_3 col col-3 vcex-isotope-entry vcex-no-margin-entry post-20068 entry type-portfolio has-media cat-76 translation_priority-15\"><div class=\"portfolio-entry-inner entry-inner wpex-clr\"><div class=\"portfolio-entry-media entry-media wpex-clr\"><a href=\"https:\/\/www.garciafaura.com\/wp-content\/uploads\/2019\/04\/Promocio-El-Masnou-08.jpg\" title=\"El Masnou development\" class=\"portfolio-entry-media-link wpex-lightbox-gallery\" data-gallery=\"[{&quot;src&quot;:&quot;https:\\\/\\\/www.garciafaura.com\\\/wp-content\\\/uploads\\\/2019\\\/04\\\/Promocio-El-Masnou-01.jpg&quot;,&quot;title&quot;:&quot;Tancaments d&#039;alumini i vidre en aquest conjunt residencial.&quot;},{&quot;src&quot;:&quot;https:\\\/\\\/www.garciafaura.com\\\/wp-content\\\/uploads\\\/2019\\\/04\\\/Promocio-El-Masnou-13.jpg&quot;,&quot;title&quot;:&quot;Tancaments d&#039;alumini i vidre en aquest conjunt residencial&quot;},{&quot;src&quot;:&quot;https:\\\/\\\/www.garciafaura.com\\\/wp-content\\\/uploads\\\/2019\\\/04\\\/Promocio-El-Masnou-12.jpg&quot;,&quot;title&quot;:&quot;Tancaments d&#039;alumini i vidre en aquest conjunt residencial&quot;},{&quot;src&quot;:&quot;https:\\\/\\\/www.garciafaura.com\\\/wp-content\\\/uploads\\\/2019\\\/04\\\/Promocio-El-Masnou-11.jpg&quot;,&quot;title&quot;:&quot;Tancaments d&#039;alumini i vidre en aquest conjunt residencial&quot;},{&quot;src&quot;:&quot;https:\\\/\\\/www.garciafaura.com\\\/wp-content\\\/uploads\\\/2019\\\/04\\\/Promocio-El-Masnou-10.jpg&quot;,&quot;title&quot;:&quot;Tancaments d&#039;alumini i vidre en aquest conjunt residencial&quot;},{&quot;src&quot;:&quot;https:\\\/\\\/www.garciafaura.com\\\/wp-content\\\/uploads\\\/2019\\\/04\\\/Promocio-El-Masnou-09.jpg&quot;,&quot;title&quot;:&quot;Tancaments d&#039;alumini i vidre en aquest conjunt residencial&quot;},{&quot;src&quot;:&quot;https:\\\/\\\/www.garciafaura.com\\\/wp-content\\\/uploads\\\/2019\\\/04\\\/Promocio-El-Masnou-08.jpg&quot;,&quot;title&quot;:&quot;Aluminium and glass enclosures for the residential complex&quot;},{&quot;src&quot;:&quot;https:\\\/\\\/www.garciafaura.com\\\/wp-content\\\/uploads\\\/2019\\\/04\\\/Promocio-El-Masnou-07.jpg&quot;,&quot;title&quot;:&quot;Tancaments d&#039;alumini i vidre en aquest conjunt residencial&quot;},{&quot;src&quot;:&quot;https:\\\/\\\/www.garciafaura.com\\\/wp-content\\\/uploads\\\/2019\\\/04\\\/Promocio-El-Masnou-06.jpg&quot;,&quot;title&quot;:&quot;Tancaments d&#039;alumini i vidre en aquest conjunt residencial&quot;},{&quot;src&quot;:&quot;https:\\\/\\\/www.garciafaura.com\\\/wp-content\\\/uploads\\\/2019\\\/04\\\/Promocio-El-Masnou-05.jpg&quot;,&quot;title&quot;:&quot;Tancaments d&#039;alumini i vidre en aquest conjunt residencial&quot;},{&quot;src&quot;:&quot;https:\\\/\\\/www.garciafaura.com\\\/wp-content\\\/uploads\\\/2019\\\/04\\\/Promocio-El-Masnou-04.jpg&quot;,&quot;title&quot;:&quot;Tancaments d&#039;alumini i vidre en aquest conjunt residencial&quot;},{&quot;src&quot;:&quot;https:\\\/\\\/www.garciafaura.com\\\/wp-content\\\/uploads\\\/2019\\\/04\\\/Promocio-El-Masnou-02.jpg&quot;,&quot;title&quot;:&quot;Tancaments d&#039;alumini i vidre en aquest conjunt residencial&quot;},{&quot;src&quot;:&quot;https:\\\/\\\/www.garciafaura.com\\\/wp-content\\\/uploads\\\/2019\\\/04\\\/Promocio-El-Masnou-03.jpg&quot;,&quot;title&quot;:&quot;Tancaments d&#039;alumini i vidre en aquest conjunt residencial&quot;}]\"><img loading=\"lazy\" decoding=\"async\" data-no-lazy=\"1\" class=\"portfolio-entry-img skip-lazy\" src=\"https:\/\/www.garciafaura.com\/wp-content\/uploads\/2019\/04\/Promocio-El-Masnou-08-600x314.jpg\" alt=\"Aluminium And Glass Enclosures For The Residential Complex\" data-no-retina width=\"600\" height=\"314\" \/><\/a><\/div><div class=\"portfolio-entry-details entry-details wpex-clr\"><h2 class=\"portfolio-entry-title entry-title\"><a href=\"https:\/\/www.garciafaura.com\/en\/portfolio-item\/el-masnou-development\/\" title=\"El Masnou development\">El Masnou development<\/a><\/h2><div class=\"portfolio-entry-categories entry-categories wpex-clr\"><a href=\"https:\/\/www.garciafaura.com\/en\/portfolio-category\/residential-complexes\/\" class=\"term-76\">Residential complexes<\/a><\/div><\/div><\/div><\/div><div class=\"portfolio-entry vcex-grid-item entry-has-details span_1_of_3 col col-1 vcex-isotope-entry vcex-no-margin-entry post-20066 entry type-portfolio has-media cat-86 cat-76 translation_priority-15\"><div class=\"portfolio-entry-inner entry-inner wpex-clr\"><div class=\"portfolio-entry-media entry-media wpex-clr\"><a href=\"https:\/\/www.garciafaura.com\/wp-content\/uploads\/2019\/04\/12669-01.jpg\" title=\"Residencial Diagonal Port\" class=\"portfolio-entry-media-link wpex-lightbox-gallery\" data-gallery=\"[{&quot;src&quot;:&quot;https:\\\/\\\/www.garciafaura.com\\\/wp-content\\\/uploads\\\/2019\\\/04\\\/12669-01.jpg&quot;,&quot;title&quot;:&quot;Aluminum and glass enclosures in high-performance residential development in Barcelona&quot;},{&quot;src&quot;:&quot;https:\\\/\\\/www.garciafaura.com\\\/wp-content\\\/uploads\\\/2019\\\/04\\\/12669-08.jpg&quot;,&quot;title&quot;:&quot;Aluminum and glass enclosures in high-performance residential development in Barcelona&quot;},{&quot;src&quot;:&quot;https:\\\/\\\/www.garciafaura.com\\\/wp-content\\\/uploads\\\/2019\\\/04\\\/12669-07.jpg&quot;,&quot;title&quot;:&quot;Aluminum and glass enclosures in high-performance residential development in Barcelona&quot;},{&quot;src&quot;:&quot;https:\\\/\\\/www.garciafaura.com\\\/wp-content\\\/uploads\\\/2019\\\/04\\\/12669-06.jpg&quot;,&quot;title&quot;:&quot;Aluminum and glass enclosures in high-performance residential development in Barcelona&quot;},{&quot;src&quot;:&quot;https:\\\/\\\/www.garciafaura.com\\\/wp-content\\\/uploads\\\/2019\\\/04\\\/12669-05.jpg&quot;,&quot;title&quot;:&quot;Aluminum and glass enclosures in high-performance residential development in Barcelona&quot;},{&quot;src&quot;:&quot;https:\\\/\\\/www.garciafaura.com\\\/wp-content\\\/uploads\\\/2019\\\/04\\\/12669-04.jpg&quot;,&quot;title&quot;:&quot;Aluminum and glass enclosures in high-performance residential development in Barcelona&quot;},{&quot;src&quot;:&quot;https:\\\/\\\/www.garciafaura.com\\\/wp-content\\\/uploads\\\/2019\\\/04\\\/12669-03.jpg&quot;,&quot;title&quot;:&quot;Aluminum and glass enclosures in high-performance residential development in Barcelona&quot;},{&quot;src&quot;:&quot;https:\\\/\\\/www.garciafaura.com\\\/wp-content\\\/uploads\\\/2019\\\/04\\\/12669-02.jpg&quot;,&quot;title&quot;:&quot;Aluminum and glass enclosures in high-performance residential development in Barcelona&quot;}]\"><img loading=\"lazy\" decoding=\"async\" data-no-lazy=\"1\" class=\"portfolio-entry-img skip-lazy\" src=\"https:\/\/www.garciafaura.com\/wp-content\/uploads\/2019\/04\/12669-01-600x314.jpg\" alt=\"Aluminum And Glass Enclosures In High-performance Residential Development In Barcelona\" data-no-retina width=\"600\" height=\"314\" \/><\/a><\/div><div class=\"portfolio-entry-details entry-details wpex-clr\"><h2 class=\"portfolio-entry-title entry-title\"><a href=\"https:\/\/www.garciafaura.com\/en\/portfolio-item\/celere-residence\/\" title=\"Residencial Diagonal Port\">Residencial Diagonal Port<\/a><\/h2><div class=\"portfolio-entry-categories entry-categories wpex-clr\"><a href=\"https:\/\/www.garciafaura.com\/en\/portfolio-category\/destacat-residential-complexes\/\" class=\"term-86\">Destacat residential complexes<\/a><\/div><\/div><\/div><\/div><div class=\"portfolio-entry vcex-grid-item entry-has-details span_1_of_3 col col-2 vcex-isotope-entry vcex-no-margin-entry post-20060 entry type-portfolio has-media cat-76 translation_priority-15\"><div class=\"portfolio-entry-inner entry-inner wpex-clr\"><div class=\"portfolio-entry-media entry-media wpex-clr\"><a href=\"https:\/\/www.garciafaura.com\/wp-content\/uploads\/2019\/04\/Promocio-Sancho-Avila-01.jpg\" title=\"Sancho de \u00c1vila residences\" class=\"portfolio-entry-media-link wpex-lightbox-gallery\" data-gallery=\"[{&quot;src&quot;:&quot;https:\\\/\\\/www.garciafaura.com\\\/wp-content\\\/uploads\\\/2019\\\/04\\\/Promocio-Sancho-Avila-01.jpg&quot;,&quot;title&quot;:&quot;Works for the public housing development in Barcelona&quot;},{&quot;src&quot;:&quot;https:\\\/\\\/www.garciafaura.com\\\/wp-content\\\/uploads\\\/2019\\\/04\\\/Promocio-Sancho-Avila-08.jpg&quot;,&quot;title&quot;:&quot;Works for the public housing development in Barcelona&quot;},{&quot;src&quot;:&quot;https:\\\/\\\/www.garciafaura.com\\\/wp-content\\\/uploads\\\/2019\\\/04\\\/Promocio-Sancho-Avila-07.jpg&quot;,&quot;title&quot;:&quot;Works for the public housing development in Barcelona&quot;},{&quot;src&quot;:&quot;https:\\\/\\\/www.garciafaura.com\\\/wp-content\\\/uploads\\\/2019\\\/04\\\/Promocio-Sancho-Avila-06.jpg&quot;,&quot;title&quot;:&quot;Works for the public housing development in Barcelona&quot;},{&quot;src&quot;:&quot;https:\\\/\\\/www.garciafaura.com\\\/wp-content\\\/uploads\\\/2019\\\/04\\\/Promocio-Sancho-Avila-05.jpg&quot;,&quot;title&quot;:&quot;Works for the public housing development in Barcelona&quot;},{&quot;src&quot;:&quot;https:\\\/\\\/www.garciafaura.com\\\/wp-content\\\/uploads\\\/2019\\\/04\\\/Promocio-Sancho-Avila-04.jpg&quot;,&quot;title&quot;:&quot;Works for the public housing development in Barcelona&quot;},{&quot;src&quot;:&quot;https:\\\/\\\/www.garciafaura.com\\\/wp-content\\\/uploads\\\/2019\\\/04\\\/Promocio-Sancho-Avila-03.jpg&quot;,&quot;title&quot;:&quot;Works for the public housing development in Barcelona&quot;},{&quot;src&quot;:&quot;https:\\\/\\\/www.garciafaura.com\\\/wp-content\\\/uploads\\\/2019\\\/04\\\/Promocio-Sancho-Avila-02.jpg&quot;,&quot;title&quot;:&quot;Works for the public housing development in Barcelona&quot;}]\"><img loading=\"lazy\" decoding=\"async\" data-no-lazy=\"1\" class=\"portfolio-entry-img skip-lazy\" src=\"https:\/\/www.garciafaura.com\/wp-content\/uploads\/2019\/04\/Promocio-Sancho-Avila-01-600x314.jpg\" alt=\"Works For The Public Housing Development In Barcelona\" data-no-retina width=\"600\" height=\"314\" \/><\/a><\/div><div class=\"portfolio-entry-details entry-details wpex-clr\"><h2 class=\"portfolio-entry-title entry-title\"><a href=\"https:\/\/www.garciafaura.com\/en\/portfolio-item\/sancho-de-avila-residences\/\" title=\"Sancho de \u00c1vila residences\">Sancho de \u00c1vila residences<\/a><\/h2><div class=\"portfolio-entry-categories entry-categories wpex-clr\"><a href=\"https:\/\/www.garciafaura.com\/en\/portfolio-category\/residential-complexes\/\" class=\"term-76\">Residential complexes<\/a><\/div><\/div><\/div><\/div><div class=\"portfolio-entry vcex-grid-item entry-has-details span_1_of_3 col col-3 vcex-isotope-entry vcex-no-margin-entry post-20059 entry type-portfolio has-media cat-76 translation_priority-15\"><div class=\"portfolio-entry-inner entry-inner wpex-clr\"><div class=\"portfolio-entry-media entry-media wpex-clr\"><a href=\"https:\/\/www.garciafaura.com\/wp-content\/uploads\/2019\/04\/13027-03.jpg\" title=\"Els Miralls de Sant Just promotion\" class=\"portfolio-entry-media-link wpex-lightbox-gallery\" data-gallery=\"[{&quot;src&quot;:&quot;https:\\\/\\\/www.garciafaura.com\\\/wp-content\\\/uploads\\\/2019\\\/04\\\/13027-03.jpg&quot;,&quot;title&quot;:&quot;Tancaments d&#039;alumini i vidre d&#039;altes prestacions per a conjunt de blocs d&#039;habitatges plurifamiliars a Sant Just Desvern&quot;},{&quot;src&quot;:&quot;https:\\\/\\\/www.garciafaura.com\\\/wp-content\\\/uploads\\\/2019\\\/04\\\/13027-09.jpg&quot;,&quot;title&quot;:&quot;Tancaments d&#039;alumini i vidre d&#039;altes prestacions per a conjunt de blocs d&#039;habitatges plurifamiliars a Sant Just Desvern&quot;},{&quot;src&quot;:&quot;https:\\\/\\\/www.garciafaura.com\\\/wp-content\\\/uploads\\\/2019\\\/04\\\/13027-08.jpg&quot;,&quot;title&quot;:&quot;Tancaments d&#039;alumini i vidre d&#039;altes prestacions per a conjunt de blocs d&#039;habitatges plurifamiliars a Sant Just Desvern&quot;},{&quot;src&quot;:&quot;https:\\\/\\\/www.garciafaura.com\\\/wp-content\\\/uploads\\\/2019\\\/04\\\/13027-07.jpg&quot;,&quot;title&quot;:&quot;Tancaments d&#039;alumini i vidre d&#039;altes prestacions per a conjunt de blocs d&#039;habitatges plurifamiliars a Sant Just Desvern&quot;},{&quot;src&quot;:&quot;https:\\\/\\\/www.garciafaura.com\\\/wp-content\\\/uploads\\\/2019\\\/04\\\/13027-06.jpg&quot;,&quot;title&quot;:&quot;Tancaments d&#039;alumini i vidre d&#039;altes prestacions per a conjunt de blocs d&#039;habitatges plurifamiliars a Sant Just Desvern&quot;},{&quot;src&quot;:&quot;https:\\\/\\\/www.garciafaura.com\\\/wp-content\\\/uploads\\\/2019\\\/04\\\/13027-05.jpg&quot;,&quot;title&quot;:&quot;Tancaments d&#039;alumini i vidre d&#039;altes prestacions per a conjunt de blocs d&#039;habitatges plurifamiliars a Sant Just Desvern&quot;},{&quot;src&quot;:&quot;https:\\\/\\\/www.garciafaura.com\\\/wp-content\\\/uploads\\\/2019\\\/04\\\/13027-04.jpg&quot;,&quot;title&quot;:&quot;Tancaments d&#039;alumini i vidre d&#039;altes prestacions per a conjunt de blocs d&#039;habitatges plurifamiliars a Sant Just Desvern&quot;},{&quot;src&quot;:&quot;https:\\\/\\\/www.garciafaura.com\\\/wp-content\\\/uploads\\\/2019\\\/04\\\/13027-02.jpg&quot;,&quot;title&quot;:&quot;Tancaments d&#039;alumini i vidre d&#039;altes prestacions per a conjunt de blocs d&#039;habitatges plurifamiliars a Sant Just Desvern&quot;},{&quot;src&quot;:&quot;https:\\\/\\\/www.garciafaura.com\\\/wp-content\\\/uploads\\\/2019\\\/04\\\/13027-01.jpg&quot;,&quot;title&quot;:&quot;Tancaments d&#039;alumini i vidre d&#039;altes prestacions per a conjunt de blocs d&#039;habitatges plurifamiliars a Sant Just Desvern&quot;}]\"><img loading=\"lazy\" decoding=\"async\" data-no-lazy=\"1\" class=\"portfolio-entry-img skip-lazy\" src=\"https:\/\/www.garciafaura.com\/wp-content\/uploads\/2019\/04\/13027-03-600x314.jpg\" alt=\"Tancaments D'alumini I Vidre D'altes Prestacions Per A Conjunt De Blocs D'habitatges Plurifamiliars A Sant Just Desvern\" data-no-retina width=\"600\" height=\"314\" \/><\/a><\/div><div class=\"portfolio-entry-details entry-details wpex-clr\"><h2 class=\"portfolio-entry-title entry-title\"><a href=\"https:\/\/www.garciafaura.com\/en\/portfolio-item\/sant-just-development-in-torreblanca\/\" title=\"Els Miralls de Sant Just promotion\">Els Miralls de Sant Just promotion<\/a><\/h2><div class=\"portfolio-entry-categories entry-categories wpex-clr\"><a href=\"https:\/\/www.garciafaura.com\/en\/portfolio-category\/residential-complexes\/\" class=\"term-76\">Residential complexes<\/a><\/div><\/div><\/div><\/div><div class=\"portfolio-entry vcex-grid-item entry-has-details span_1_of_3 col col-1 vcex-isotope-entry vcex-no-margin-entry post-20057 entry type-portfolio has-media cat-76 translation_priority-15\"><div class=\"portfolio-entry-inner entry-inner wpex-clr\"><div class=\"portfolio-entry-media entry-media wpex-clr\"><a href=\"https:\/\/www.garciafaura.com\/wp-content\/uploads\/2019\/04\/Promocio-Pere-Calders-Sant-Cugat-01.jpg\" title=\"Pere Calders Street Promotion Sant Cugat\" class=\"portfolio-entry-media-link wpex-lightbox-gallery\" data-gallery=\"[{&quot;src&quot;:&quot;https:\\\/\\\/www.garciafaura.com\\\/wp-content\\\/uploads\\\/2019\\\/04\\\/Promocio-Pere-Calders-Sant-Cugat-01.jpg&quot;,&quot;title&quot;:&quot;Fabricaci\\u00f3 i instal\\u00b7laci\\u00f3 de tancaments d&#039;alumini, vidrieria i xapa en bloc de promoci\\u00f3 d&#039;habitatges a Sant Cugat del Vall\\u00e8s&quot;},{&quot;src&quot;:&quot;https:\\\/\\\/www.garciafaura.com\\\/wp-content\\\/uploads\\\/2019\\\/04\\\/Promocio-Pere-Calders-Sant-Cugat-10.jpg&quot;,&quot;title&quot;:&quot;Fabricaci\\u00f3 i instal\\u00b7laci\\u00f3 de tancaments d&#039;alumini, vidrieria i xapa en bloc de promoci\\u00f3 d&#039;habitatges a Sant Cugat del Vall\\u00e8s&quot;},{&quot;src&quot;:&quot;https:\\\/\\\/www.garciafaura.com\\\/wp-content\\\/uploads\\\/2019\\\/04\\\/Promocio-Pere-Calders-Sant-Cugat-09.jpg&quot;,&quot;title&quot;:&quot;Fabricaci\\u00f3 i instal\\u00b7laci\\u00f3 de tancaments d&#039;alumini, vidrieria i xapa en bloc de promoci\\u00f3 d&#039;habitatges a Sant Cugat del Vall\\u00e8s&quot;},{&quot;src&quot;:&quot;https:\\\/\\\/www.garciafaura.com\\\/wp-content\\\/uploads\\\/2019\\\/04\\\/Promocio-Pere-Calders-Sant-Cugat-08.jpg&quot;,&quot;title&quot;:&quot;Fabricaci\\u00f3 i instal\\u00b7laci\\u00f3 de tancaments d&#039;alumini, vidrieria i xapa en bloc de promoci\\u00f3 d&#039;habitatges a Sant Cugat del Vall\\u00e8s&quot;},{&quot;src&quot;:&quot;https:\\\/\\\/www.garciafaura.com\\\/wp-content\\\/uploads\\\/2019\\\/04\\\/Promocio-Pere-Calders-Sant-Cugat-07.jpg&quot;,&quot;title&quot;:&quot;Fabricaci\\u00f3 i instal\\u00b7laci\\u00f3 de tancaments d&#039;alumini, vidrieria i xapa en bloc de promoci\\u00f3 d&#039;habitatges a Sant Cugat del Vall\\u00e8s&quot;},{&quot;src&quot;:&quot;https:\\\/\\\/www.garciafaura.com\\\/wp-content\\\/uploads\\\/2019\\\/04\\\/Promocio-Pere-Calders-Sant-Cugat-06.jpg&quot;,&quot;title&quot;:&quot;Fabricaci\\u00f3 i instal\\u00b7laci\\u00f3 de tancaments d&#039;alumini, vidrieria i xapa en bloc de promoci\\u00f3 d&#039;habitatges a Sant Cugat del Vall\\u00e8s&quot;},{&quot;src&quot;:&quot;https:\\\/\\\/www.garciafaura.com\\\/wp-content\\\/uploads\\\/2019\\\/04\\\/Promocio-Pere-Calders-Sant-Cugat-05.jpg&quot;,&quot;title&quot;:&quot;Fabricaci\\u00f3 i instal\\u00b7laci\\u00f3 de tancaments d&#039;alumini, vidrieria i xapa en bloc de promoci\\u00f3 d&#039;habitatges a Sant Cugat del Vall\\u00e8s&quot;},{&quot;src&quot;:&quot;https:\\\/\\\/www.garciafaura.com\\\/wp-content\\\/uploads\\\/2019\\\/04\\\/Promocio-Pere-Calders-Sant-Cugat-04.jpg&quot;,&quot;title&quot;:&quot;Fabricaci\\u00f3 i instal\\u00b7laci\\u00f3 de tancaments d&#039;alumini, vidrieria i xapa en bloc de promoci\\u00f3 d&#039;habitatges a Sant Cugat del Vall\\u00e8s&quot;},{&quot;src&quot;:&quot;https:\\\/\\\/www.garciafaura.com\\\/wp-content\\\/uploads\\\/2019\\\/04\\\/Promocio-Pere-Calders-Sant-Cugat-03.jpg&quot;,&quot;title&quot;:&quot;Fabricaci\\u00f3 i instal\\u00b7laci\\u00f3 de tancaments d&#039;alumini, vidrieria i xapa en bloc de promoci\\u00f3 d&#039;habitatges a Sant Cugat del Vall\\u00e8s&quot;},{&quot;src&quot;:&quot;https:\\\/\\\/www.garciafaura.com\\\/wp-content\\\/uploads\\\/2019\\\/04\\\/Promocio-Pere-Calders-Sant-Cugat-02.jpg&quot;,&quot;title&quot;:&quot;Fabricaci\\u00f3 i instal\\u00b7laci\\u00f3 de tancaments d&#039;alumini, vidrieria i xapa en bloc de promoci\\u00f3 d&#039;habitatges a Sant Cugat del Vall\\u00e8s&quot;}]\"><img loading=\"lazy\" decoding=\"async\" data-no-lazy=\"1\" class=\"portfolio-entry-img skip-lazy\" src=\"https:\/\/www.garciafaura.com\/wp-content\/uploads\/2019\/04\/Promocio-Pere-Calders-Sant-Cugat-01-600x314.jpg\" alt=\"Fabricaci\u00f3 I Instal\u00b7laci\u00f3 De Tancaments D'alumini, Vidrieria I Xapa En Bloc De Promoci\u00f3 D'habitatges A Sant Cugat Del Vall\u00e8s\" data-no-retina width=\"600\" height=\"314\" \/><\/a><\/div><div class=\"portfolio-entry-details entry-details wpex-clr\"><h2 class=\"portfolio-entry-title entry-title\"><a href=\"https:\/\/www.garciafaura.com\/en\/portfolio-item\/volpelleres-development\/\" title=\"Pere Calders Street Promotion Sant Cugat\">Pere Calders Street Promotion Sant Cugat<\/a><\/h2><div class=\"portfolio-entry-categories entry-categories wpex-clr\"><a href=\"https:\/\/www.garciafaura.com\/en\/portfolio-category\/residential-complexes\/\" class=\"term-76\">Residential complexes<\/a><\/div><\/div><\/div><\/div><div class=\"portfolio-entry vcex-grid-item entry-has-details span_1_of_3 col col-2 vcex-isotope-entry vcex-no-margin-entry post-20012 entry type-portfolio has-media cat-76 translation_priority-15\"><div class=\"portfolio-entry-inner entry-inner wpex-clr\"><div class=\"portfolio-entry-media entry-media wpex-clr\"><a href=\"https:\/\/www.garciafaura.com\/wp-content\/uploads\/2019\/03\/Promocio-Sant-Feliu-Fase-V-01-1.jpg\" title=\"Sant Feliu development phase V\" class=\"portfolio-entry-media-link wpex-lightbox-gallery\" data-gallery=\"[{&quot;src&quot;:&quot;https:\\\/\\\/www.garciafaura.com\\\/wp-content\\\/uploads\\\/2019\\\/03\\\/Promocio-Sant-Feliu-Fase-V-01-1.jpg&quot;,&quot;title&quot;:&quot;Enclosures in the residential development at Sant Feliu de Llobregat.&quot;},{&quot;src&quot;:&quot;https:\\\/\\\/www.garciafaura.com\\\/wp-content\\\/uploads\\\/2019\\\/03\\\/Promocio-Sant-Feliu-Fase-V-10-1.jpg&quot;,&quot;title&quot;:&quot;Tancaments en promoci\\u00f3 residencial a Sant Feliu de Llobregat&quot;},{&quot;src&quot;:&quot;https:\\\/\\\/www.garciafaura.com\\\/wp-content\\\/uploads\\\/2019\\\/03\\\/Promocio-Sant-Feliu-Fase-V-09-1.jpg&quot;,&quot;title&quot;:&quot;Tancaments en promoci\\u00f3 residencial a Sant Feliu de Llobregat&quot;},{&quot;src&quot;:&quot;https:\\\/\\\/www.garciafaura.com\\\/wp-content\\\/uploads\\\/2019\\\/03\\\/Promocio-Sant-Feliu-Fase-V-08-1.jpg&quot;,&quot;title&quot;:&quot;Tancaments en promoci\\u00f3 residencial a Sant Feliu de Llobregat&quot;},{&quot;src&quot;:&quot;https:\\\/\\\/www.garciafaura.com\\\/wp-content\\\/uploads\\\/2019\\\/03\\\/Promocio-Sant-Feliu-Fase-V-07-1.jpg&quot;,&quot;title&quot;:&quot;Tancaments en promoci\\u00f3 residencial a Sant Feliu de Llobregat&quot;},{&quot;src&quot;:&quot;https:\\\/\\\/www.garciafaura.com\\\/wp-content\\\/uploads\\\/2019\\\/03\\\/Promocio-Sant-Feliu-Fase-V-06-1.jpg&quot;,&quot;title&quot;:&quot;Tancaments en promoci\\u00f3 residencial a Sant Feliu de Llobregat&quot;},{&quot;src&quot;:&quot;https:\\\/\\\/www.garciafaura.com\\\/wp-content\\\/uploads\\\/2019\\\/03\\\/Promocio-Sant-Feliu-Fase-V-05-1.jpg&quot;,&quot;title&quot;:&quot;Tancaments en promoci\\u00f3 residencial a Sant Feliu de Llobregat&quot;},{&quot;src&quot;:&quot;https:\\\/\\\/www.garciafaura.com\\\/wp-content\\\/uploads\\\/2019\\\/03\\\/Promocio-Sant-Feliu-Fase-V-04-1.jpg&quot;,&quot;title&quot;:&quot;Tancaments en promoci\\u00f3 residencial a Sant Feliu de Llobregat&quot;},{&quot;src&quot;:&quot;https:\\\/\\\/www.garciafaura.com\\\/wp-content\\\/uploads\\\/2019\\\/03\\\/Promocio-Sant-Feliu-Fase-V-03-1.jpg&quot;,&quot;title&quot;:&quot;Tancaments en promoci\\u00f3 residencial a Sant Feliu de Llobregat&quot;},{&quot;src&quot;:&quot;https:\\\/\\\/www.garciafaura.com\\\/wp-content\\\/uploads\\\/2019\\\/03\\\/Promocio-Sant-Feliu-Fase-V-02-1.jpg&quot;,&quot;title&quot;:&quot;Tancaments en promoci\\u00f3 residencial a Sant Feliu de Llobregat&quot;}]\"><img loading=\"lazy\" decoding=\"async\" data-no-lazy=\"1\" class=\"portfolio-entry-img skip-lazy\" src=\"https:\/\/www.garciafaura.com\/wp-content\/uploads\/2019\/03\/Promocio-Sant-Feliu-Fase-V-01-1-600x314.jpg\" alt=\"Enclosures In The Residential Development At Sant Feliu De Llobregat.\" data-no-retina width=\"600\" height=\"314\" \/><\/a><\/div><div class=\"portfolio-entry-details entry-details wpex-clr\"><h2 class=\"portfolio-entry-title entry-title\"><a href=\"https:\/\/www.garciafaura.com\/en\/portfolio-item\/sant-feliu-development-phase-v\/\" title=\"Sant Feliu development phase V\">Sant Feliu development phase V<\/a><\/h2><div class=\"portfolio-entry-categories entry-categories wpex-clr\"><a href=\"https:\/\/www.garciafaura.com\/en\/portfolio-category\/residential-complexes\/\" class=\"term-76\">Residential complexes<\/a><\/div><\/div><\/div><\/div><div class=\"portfolio-entry vcex-grid-item entry-has-details span_1_of_3 col col-3 vcex-isotope-entry vcex-no-margin-entry post-20010 entry type-portfolio has-media cat-76 translation_priority-15\"><div class=\"portfolio-entry-inner entry-inner wpex-clr\"><div class=\"portfolio-entry-media entry-media wpex-clr\"><a href=\"https:\/\/www.garciafaura.com\/wp-content\/uploads\/2019\/01\/IMG_9184.jpg\" title=\"Sant Feliu de Llobregat development\" class=\"portfolio-entry-media-link wpex-lightbox-gallery\" data-gallery=\"[{&quot;src&quot;:&quot;https:\\\/\\\/www.garciafaura.com\\\/wp-content\\\/uploads\\\/2019\\\/01\\\/IMG_9184.jpg&quot;,&quot;title&quot;:&quot;Aluminium and glazed enclosures for the residential building in Sant Feliu de Llobregat.&quot;},{&quot;src&quot;:&quot;https:\\\/\\\/www.garciafaura.com\\\/wp-content\\\/uploads\\\/2019\\\/01\\\/IMG_9187.jpg&quot;,&quot;title&quot;:&quot;Tancaments d&#039;alumini i vidre per a edifici residencial a Sant Feliu de Llobregat&quot;},{&quot;src&quot;:&quot;https:\\\/\\\/www.garciafaura.com\\\/wp-content\\\/uploads\\\/2019\\\/01\\\/IMG_9186.jpg&quot;,&quot;title&quot;:&quot;Tancaments d&#039;alumini i vidre per a edifici residencial a Sant Feliu de Llobregat&quot;},{&quot;src&quot;:&quot;https:\\\/\\\/www.garciafaura.com\\\/wp-content\\\/uploads\\\/2019\\\/01\\\/IMG_9185.jpg&quot;,&quot;title&quot;:&quot;Tancaments d&#039;alumini i vidre per a edifici residencial a Sant Feliu de Llobregat&quot;},{&quot;src&quot;:&quot;https:\\\/\\\/www.garciafaura.com\\\/wp-content\\\/uploads\\\/2019\\\/01\\\/IMG_9171.jpg&quot;,&quot;title&quot;:&quot;Tancaments d&#039;alumini i vidre per a edifici residencial a Sant Feliu de Llobregat&quot;},{&quot;src&quot;:&quot;https:\\\/\\\/www.garciafaura.com\\\/wp-content\\\/uploads\\\/2019\\\/01\\\/IMG_9178.jpg&quot;,&quot;title&quot;:&quot;Tancaments d&#039;alumini i vidre per a edifici residencial a Sant Feliu de Llobregat&quot;},{&quot;src&quot;:&quot;https:\\\/\\\/www.garciafaura.com\\\/wp-content\\\/uploads\\\/2019\\\/01\\\/IMG_9176.jpg&quot;,&quot;title&quot;:&quot;Tancaments d&#039;alumini i vidre per a edifici residencial a Sant Feliu de Llobregat&quot;},{&quot;src&quot;:&quot;https:\\\/\\\/www.garciafaura.com\\\/wp-content\\\/uploads\\\/2019\\\/01\\\/IMG_9175.jpg&quot;,&quot;title&quot;:&quot;Tancaments d&#039;alumini i vidre per a edifici residencial a Sant Feliu de Llobregat&quot;}]\"><img loading=\"lazy\" decoding=\"async\" data-no-lazy=\"1\" class=\"portfolio-entry-img skip-lazy\" src=\"https:\/\/www.garciafaura.com\/wp-content\/uploads\/2019\/01\/IMG_9184-600x314.jpg\" alt=\"Aluminium And Glazed Enclosures For The Residential Building In Sant Feliu De Llobregat.\" data-no-retina width=\"600\" height=\"314\" \/><\/a><\/div><div class=\"portfolio-entry-details entry-details wpex-clr\"><h2 class=\"portfolio-entry-title entry-title\"><a href=\"https:\/\/www.garciafaura.com\/en\/portfolio-item\/sant-feliu-de-llobregat-development\/\" title=\"Sant Feliu de Llobregat development\">Sant Feliu de Llobregat development<\/a><\/h2><div class=\"portfolio-entry-categories entry-categories wpex-clr\"><a href=\"https:\/\/www.garciafaura.com\/en\/portfolio-category\/residential-complexes\/\" class=\"term-76\">Residential complexes<\/a><\/div><\/div><\/div><\/div><\/div><\/div>[\/vc_column][\/vc_row]\n<\/div>","protected":false},"excerpt":{"rendered":"<p>[vc_row full_width=&#8221;stretch_row&#8221; wpex_bg_overlay=&#8221;color&#8221; wpex_bg_overlay_color=&#8221;#d9d9d9&#8243; wpex_bg_overlay_opacity=&#8221;0.85&#8243;][vc_column][vc_column_text]Comfort and well-being for resident use. Aluminium and glass enclosures with high levels of thermal and acoustic performance, designed to turn your building into a home. GARCIA FAURA boasts decades of experience in the residential complex&hellip;<\/p>\n","protected":false},"author":3,"featured_media":0,"parent":0,"menu_order":0,"comment_status":"closed","ping_status":"closed","template":"","meta":{"footnotes":""},"class_list":["post-20018","page","type-page","status-publish","hentry","entry","no-media"],"yoast_head":"<!-- This site is optimized with the Yoast SEO plugin v26.7 - https:\/\/yoast.com\/wordpress\/plugins\/seo\/ -->\n<title>Residential complex works undertaken by GARCIA FAURA - GARCIA FAURA<\/title>\n<meta name=\"description\" content=\"Arquitectura en Alumini, Inox, Ferro i Vidre\" \/>\n<meta name=\"robots\" content=\"index, follow, max-snippet:-1, max-image-preview:large, max-video-preview:-1\" \/>\n<link rel=\"canonical\" href=\"https:\/\/www.garciafaura.com\/en\/residential-complex-works-undertaken-by-garcia-faura\/\" \/>\n<meta property=\"og:locale\" content=\"en_US\" \/>\n<meta property=\"og:type\" content=\"article\" \/>\n<meta property=\"og:title\" content=\"Residential complex works undertaken by GARCIA FAURA - GARCIA FAURA\" \/>\n<meta property=\"og:description\" content=\"Arquitectura en Alumini, Inox, Ferro i Vidre\" \/>\n<meta property=\"og:url\" content=\"https:\/\/www.garciafaura.com\/en\/residential-complex-works-undertaken-by-garcia-faura\/\" \/>\n<meta property=\"og:site_name\" content=\"GARCIA FAURA\" \/>\n<meta property=\"article:modified_time\" content=\"2021-08-03T07:57:32+00:00\" \/>\n<meta name=\"twitter:card\" content=\"summary_large_image\" \/>\n<meta name=\"twitter:label1\" content=\"Est. reading time\" \/>\n\t<meta name=\"twitter:data1\" content=\"1 minute\" \/>\n<script type=\"application\/ld+json\" class=\"yoast-schema-graph\">{\"@context\":\"https:\/\/schema.org\",\"@graph\":[{\"@type\":\"WebPage\",\"@id\":\"https:\/\/www.garciafaura.com\/en\/residential-complex-works-undertaken-by-garcia-faura\/\",\"url\":\"https:\/\/www.garciafaura.com\/en\/residential-complex-works-undertaken-by-garcia-faura\/\",\"name\":\"Residential complex works undertaken by GARCIA FAURA - GARCIA FAURA\",\"isPartOf\":{\"@id\":\"https:\/\/www.garciafaura.com\/fr\/#website\"},\"datePublished\":\"2019-05-24T11:06:41+00:00\",\"dateModified\":\"2021-08-03T07:57:32+00:00\",\"description\":\"Arquitectura en Alumini, Inox, Ferro i Vidre\",\"breadcrumb\":{\"@id\":\"https:\/\/www.garciafaura.com\/en\/residential-complex-works-undertaken-by-garcia-faura\/#breadcrumb\"},\"inLanguage\":\"en-US\",\"potentialAction\":[{\"@type\":\"ReadAction\",\"target\":[\"https:\/\/www.garciafaura.com\/en\/residential-complex-works-undertaken-by-garcia-faura\/\"]}]},{\"@type\":\"BreadcrumbList\",\"@id\":\"https:\/\/www.garciafaura.com\/en\/residential-complex-works-undertaken-by-garcia-faura\/#breadcrumb\",\"itemListElement\":[{\"@type\":\"ListItem\",\"position\":1,\"name\":\"Inici\",\"item\":\"https:\/\/www.garciafaura.com\/en\/\"},{\"@type\":\"ListItem\",\"position\":2,\"name\":\"Residential complex works undertaken by GARCIA FAURA\"}]},{\"@type\":\"WebSite\",\"@id\":\"https:\/\/www.garciafaura.com\/fr\/#website\",\"url\":\"https:\/\/www.garciafaura.com\/fr\/\",\"name\":\"GARCIA FAURA\",\"description\":\"Arquitectura en Alumini, Inox, Ferro i Vidre\",\"publisher\":{\"@id\":\"https:\/\/www.garciafaura.com\/fr\/#organization\"},\"potentialAction\":[{\"@type\":\"SearchAction\",\"target\":{\"@type\":\"EntryPoint\",\"urlTemplate\":\"https:\/\/www.garciafaura.com\/fr\/?s={search_term_string}\"},\"query-input\":{\"@type\":\"PropertyValueSpecification\",\"valueRequired\":true,\"valueName\":\"search_term_string\"}}],\"inLanguage\":\"en-US\"},{\"@type\":\"Organization\",\"@id\":\"https:\/\/www.garciafaura.com\/fr\/#organization\",\"name\":\"GARCIA FAURA\",\"url\":\"https:\/\/www.garciafaura.com\/fr\/\",\"logo\":{\"@type\":\"ImageObject\",\"inLanguage\":\"en-US\",\"@id\":\"https:\/\/www.garciafaura.com\/fr\/#\/schema\/logo\/image\/\",\"url\":\"https:\/\/www.garciafaura.com\/wp-content\/uploads\/2018\/09\/Garcia-Faura.png\",\"contentUrl\":\"https:\/\/www.garciafaura.com\/wp-content\/uploads\/2018\/09\/Garcia-Faura.png\",\"width\":512,\"height\":512,\"caption\":\"GARCIA FAURA\"},\"image\":{\"@id\":\"https:\/\/www.garciafaura.com\/fr\/#\/schema\/logo\/image\/\"},\"sameAs\":[\"https:\/\/www.youtube.com\/user\/GARCIAFAURA\"]}]}<\/script>\n<!-- \/ Yoast SEO plugin. -->","yoast_head_json":{"title":"Residential complex works undertaken by GARCIA FAURA - GARCIA FAURA","description":"Arquitectura en Alumini, Inox, Ferro i Vidre","robots":{"index":"index","follow":"follow","max-snippet":"max-snippet:-1","max-image-preview":"max-image-preview:large","max-video-preview":"max-video-preview:-1"},"canonical":"https:\/\/www.garciafaura.com\/en\/residential-complex-works-undertaken-by-garcia-faura\/","og_locale":"en_US","og_type":"article","og_title":"Residential complex works undertaken by GARCIA FAURA - GARCIA FAURA","og_description":"Arquitectura en Alumini, Inox, Ferro i Vidre","og_url":"https:\/\/www.garciafaura.com\/en\/residential-complex-works-undertaken-by-garcia-faura\/","og_site_name":"GARCIA FAURA","article_modified_time":"2021-08-03T07:57:32+00:00","twitter_card":"summary_large_image","twitter_misc":{"Est. reading time":"1 minute"},"schema":{"@context":"https:\/\/schema.org","@graph":[{"@type":"WebPage","@id":"https:\/\/www.garciafaura.com\/en\/residential-complex-works-undertaken-by-garcia-faura\/","url":"https:\/\/www.garciafaura.com\/en\/residential-complex-works-undertaken-by-garcia-faura\/","name":"Residential complex works undertaken by GARCIA FAURA - GARCIA FAURA","isPartOf":{"@id":"https:\/\/www.garciafaura.com\/fr\/#website"},"datePublished":"2019-05-24T11:06:41+00:00","dateModified":"2021-08-03T07:57:32+00:00","description":"Arquitectura en Alumini, Inox, Ferro i Vidre","breadcrumb":{"@id":"https:\/\/www.garciafaura.com\/en\/residential-complex-works-undertaken-by-garcia-faura\/#breadcrumb"},"inLanguage":"en-US","potentialAction":[{"@type":"ReadAction","target":["https:\/\/www.garciafaura.com\/en\/residential-complex-works-undertaken-by-garcia-faura\/"]}]},{"@type":"BreadcrumbList","@id":"https:\/\/www.garciafaura.com\/en\/residential-complex-works-undertaken-by-garcia-faura\/#breadcrumb","itemListElement":[{"@type":"ListItem","position":1,"name":"Inici","item":"https:\/\/www.garciafaura.com\/en\/"},{"@type":"ListItem","position":2,"name":"Residential complex works undertaken by GARCIA FAURA"}]},{"@type":"WebSite","@id":"https:\/\/www.garciafaura.com\/fr\/#website","url":"https:\/\/www.garciafaura.com\/fr\/","name":"GARCIA FAURA","description":"Arquitectura en Alumini, Inox, Ferro i Vidre","publisher":{"@id":"https:\/\/www.garciafaura.com\/fr\/#organization"},"potentialAction":[{"@type":"SearchAction","target":{"@type":"EntryPoint","urlTemplate":"https:\/\/www.garciafaura.com\/fr\/?s={search_term_string}"},"query-input":{"@type":"PropertyValueSpecification","valueRequired":true,"valueName":"search_term_string"}}],"inLanguage":"en-US"},{"@type":"Organization","@id":"https:\/\/www.garciafaura.com\/fr\/#organization","name":"GARCIA FAURA","url":"https:\/\/www.garciafaura.com\/fr\/","logo":{"@type":"ImageObject","inLanguage":"en-US","@id":"https:\/\/www.garciafaura.com\/fr\/#\/schema\/logo\/image\/","url":"https:\/\/www.garciafaura.com\/wp-content\/uploads\/2018\/09\/Garcia-Faura.png","contentUrl":"https:\/\/www.garciafaura.com\/wp-content\/uploads\/2018\/09\/Garcia-Faura.png","width":512,"height":512,"caption":"GARCIA FAURA"},"image":{"@id":"https:\/\/www.garciafaura.com\/fr\/#\/schema\/logo\/image\/"},"sameAs":["https:\/\/www.youtube.com\/user\/GARCIAFAURA"]}]}},"_links":{"self":[{"href":"https:\/\/www.garciafaura.com\/en\/wp-json\/wp\/v2\/pages\/20018","targetHints":{"allow":["GET"]}}],"collection":[{"href":"https:\/\/www.garciafaura.com\/en\/wp-json\/wp\/v2\/pages"}],"about":[{"href":"https:\/\/www.garciafaura.com\/en\/wp-json\/wp\/v2\/types\/page"}],"author":[{"embeddable":true,"href":"https:\/\/www.garciafaura.com\/en\/wp-json\/wp\/v2\/users\/3"}],"replies":[{"embeddable":true,"href":"https:\/\/www.garciafaura.com\/en\/wp-json\/wp\/v2\/comments?post=20018"}],"version-history":[{"count":5,"href":"https:\/\/www.garciafaura.com\/en\/wp-json\/wp\/v2\/pages\/20018\/revisions"}],"predecessor-version":[{"id":27937,"href":"https:\/\/www.garciafaura.com\/en\/wp-json\/wp\/v2\/pages\/20018\/revisions\/27937"}],"wp:attachment":[{"href":"https:\/\/www.garciafaura.com\/en\/wp-json\/wp\/v2\/media?parent=20018"}],"curies":[{"name":"wp","href":"https:\/\/api.w.org\/{rel}","templated":true}]}}